{"id":29431,"date":"2024-07-10T13:09:24","date_gmt":"2024-07-10T18:09:24","guid":{"rendered":"https:\/\/www.dmsjuridica.com\/buscador_20179478954\/corteconstitucionalcronologico202454587\/?page_id=29431"},"modified":"2024-07-10T13:09:24","modified_gmt":"2024-07-10T18:09:24","slug":"sentencias-2023","status":"publish","type":"page","link":"https:\/\/www.dmsjuridica.com\/buscador_20179478954\/corteconstitucionalcronologico202454587\/sentencias-2023\/","title":{"rendered":"Sentencias 2023"},"content":{"rendered":"<div class=\"pt-cv-wrapper\"><div class=\"pt-cv-view pt-cv-grid pt-cv-colsys\" id=\"pt-cv-view-b48486ew0o\"><div data-id=\"pt-cv-page-1\" class=\"pt-cv-page\" data-cvc=\"1\"><div class=\"col-md-12 col-sm-12 col-xs-12 pt-cv-content-item pt-cv-1-col\" ><div class='pt-cv-ifield'><a href=\"https:\/\/www.dmsjuridica.com\/buscador_20179478954\/corteconstitucionalcronologico202454587\/c-541-23\/\" class=\"_self pt-cv-href-thumbnail pt-cv-thumb-default\" target=\"_self\" ><\/a>\n<div class=\"pt-cv-taxoterm above_title\"><a href='https:\/\/www.dmsjuridica.com\/buscador_20179478954\/corteconstitucionalcronologico202454587\/category\/buscar-en-toda-la-corte\/2023\/sentencias-2023\/' title='Sentencias 2023' class='pt-cv-tax-sentencias-2023'>Sentencias 2023<\/a><\/div>\n<h4 class=\"pt-cv-title\"><a href=\"https:\/\/www.dmsjuridica.com\/buscador_20179478954\/corteconstitucionalcronologico202454587\/c-541-23\/\" class=\"_self\" target=\"_self\" >C-541-23<\/a><\/h4>\n<div class=\"pt-cv-content\">\u00a0 \u00a0 DEMANDA DE INCONSTITUCIONALIDAD CONTRA LA LEY 2277 DE 2022-Estarse a lo resuelto en la sentencia C-540 de 2023 \u00a0 \u00a0\u00a0 La Sala Plena encuentra que debe estarse a lo resuelto en la citada sentencia C-540 de 2023, en virtud de la configuraci\u00f3n de la cosa juzgada formal y absoluta. (...) en esa providencia la Corte declar\u00f3 la inexequibilidad del inciso del art\u00edculo 42 y los numerales 4 y 5 del inciso y del par\u00e1grafo cuarto del art\u00edculo 44 de la Ley 2277 de 2022 \u00abpor medio de la cual se adopta una reforma tributaria para la igualdad y ...<br \/><div class=\"pt-cv-rmwrap\"><a href=\"https:\/\/www.dmsjuridica.com\/buscador_20179478954\/corteconstitucionalcronologico202454587\/c-541-23\/\" class=\"_self pt-cv-readmore btn btn-success\" target=\"_self\">Ver Sentencia Completa...<\/a><\/div><\/div><\/div><\/div>\n<div class=\"col-md-12 col-sm-12 col-xs-12 pt-cv-content-item pt-cv-1-col\" ><div class='pt-cv-ifield'><a href=\"https:\/\/www.dmsjuridica.com\/buscador_20179478954\/corteconstitucionalcronologico202454587\/c-540-23\/\" class=\"_self pt-cv-href-thumbnail pt-cv-thumb-default\" target=\"_self\" ><\/a>\n<div class=\"pt-cv-taxoterm above_title\"><a href='https:\/\/www.dmsjuridica.com\/buscador_20179478954\/corteconstitucionalcronologico202454587\/category\/buscar-en-toda-la-corte\/2023\/sentencias-2023\/' title='Sentencias 2023' class='pt-cv-tax-sentencias-2023'>Sentencias 2023<\/a><\/div>\n<h4 class=\"pt-cv-title\"><a href=\"https:\/\/www.dmsjuridica.com\/buscador_20179478954\/corteconstitucionalcronologico202454587\/c-540-23\/\" class=\"_self\" target=\"_self\" >C-540-23<\/a><\/h4>\n<div class=\"pt-cv-content\">TEMAS-SUBTEMAS Sentencia C-540\/23 IMPUESTO UNIFICADO BAJO EL REGIMEN SIMPLE DE TRIBUTACION-Trato diferenciado injustificado entre distintos grupos que ejercen profesiones liberales Los grupos 4 y 5 de contribuyentes del RST no son comparables. Esto, por cuanto las personas naturales y jur\u00eddicas que forman parte de cada grupo y ejercen profesiones liberales son, dentro de su respectivo grupo, manifiestamente disimiles y no comparten la misma estructura de costos, de manera que puedan ser asimiladas entre s\u00ed para la construcci\u00f3n de las condiciones en las que podr\u00edan acceder al RST, a pesar de que todas ellas ejercen profesiones igualmente valiosas para la sociedad ...<br \/><div class=\"pt-cv-rmwrap\"><a href=\"https:\/\/www.dmsjuridica.com\/buscador_20179478954\/corteconstitucionalcronologico202454587\/c-540-23\/\" class=\"_self pt-cv-readmore btn btn-success\" target=\"_self\">Ver Sentencia Completa...<\/a><\/div><\/div><\/div><\/div>\n<div class=\"col-md-12 col-sm-12 col-xs-12 pt-cv-content-item pt-cv-1-col\" ><div class='pt-cv-ifield'><a href=\"https:\/\/www.dmsjuridica.com\/buscador_20179478954\/corteconstitucionalcronologico202454587\/c-538-23\/\" class=\"_self pt-cv-href-thumbnail pt-cv-thumb-default\" target=\"_self\" ><\/a>\n<div class=\"pt-cv-taxoterm above_title\"><a href='https:\/\/www.dmsjuridica.com\/buscador_20179478954\/corteconstitucionalcronologico202454587\/category\/buscar-en-toda-la-corte\/2023\/sentencias-2023\/' title='Sentencias 2023' class='pt-cv-tax-sentencias-2023'>Sentencias 2023<\/a><\/div>\n<h4 class=\"pt-cv-title\"><a href=\"https:\/\/www.dmsjuridica.com\/buscador_20179478954\/corteconstitucionalcronologico202454587\/c-538-23\/\" class=\"_self\" target=\"_self\" >C-538-23<\/a><\/h4>\n<div class=\"pt-cv-content\">\u00a0 \u00a0 \u00a0\u00a0 ACCION PUBLICA DE INCONSTITUCIONALIDAD-Requisitos \u00a0 \u00a0\u00a0 Las demandas p\u00fablicas de inconstitucionalidad deben cumplir con las siguientes exigencias: (i) se\u00f1alar las normas acusadas como inconstitucionales a trav\u00e9s de su transcripci\u00f3n literal o adjuntando un ejemplar de la publicaci\u00f3n oficial; (ii) indicar las normas constitucionales que se consideren infringidas; (iii) explicar las razones por las cuales dichos textos se estiman violados; (iv) cuando sea aplicable, se\u00f1alar el tr\u00e1mite impuesto por la Constituci\u00f3n para la expedici\u00f3n del acto demandado y la forma en la que fue quebrantado; y (v) esbozar los motivos por los cuales la Corte Constitucional es competente ...<br \/><div class=\"pt-cv-rmwrap\"><a href=\"https:\/\/www.dmsjuridica.com\/buscador_20179478954\/corteconstitucionalcronologico202454587\/c-538-23\/\" class=\"_self pt-cv-readmore btn btn-success\" target=\"_self\">Ver Sentencia Completa...<\/a><\/div><\/div><\/div><\/div>\n<div class=\"col-md-12 col-sm-12 col-xs-12 pt-cv-content-item pt-cv-1-col\" ><div class='pt-cv-ifield'><a href=\"https:\/\/www.dmsjuridica.com\/buscador_20179478954\/corteconstitucionalcronologico202454587\/c-537-23\/\" class=\"_self pt-cv-href-thumbnail pt-cv-thumb-default\" target=\"_self\" ><\/a>\n<div class=\"pt-cv-taxoterm above_title\"><a href='https:\/\/www.dmsjuridica.com\/buscador_20179478954\/corteconstitucionalcronologico202454587\/category\/buscar-en-toda-la-corte\/2023\/sentencias-2023\/' title='Sentencias 2023' class='pt-cv-tax-sentencias-2023'>Sentencias 2023<\/a><\/div>\n<h4 class=\"pt-cv-title\"><a href=\"https:\/\/www.dmsjuridica.com\/buscador_20179478954\/corteconstitucionalcronologico202454587\/c-537-23\/\" class=\"_self\" target=\"_self\" >C-537-23<\/a><\/h4>\n<div class=\"pt-cv-content\">Expediente D-15370 REP\u00daBLICA DE COLOMBIA CORTE CONSTITUCIONAL Sala Plena SENTENCIA C-537 DE 2023 Ref.: Expediente D-15370 Asunto: demanda de inconstitucionalidad contra el art\u00edculo 97 de la Ley 2294 de 2023, \u201cPor el cual se expide el Plan Nacional de Desarrollo 2022-2026 \u2018Colombia Potencia Mundial de la Vida\u2019\u201d Demandante: Gustavo Enrique Morales Cobo Magistrada ponente: CRISTINA PARDO SCHLESINGER Bogot\u00e1, D.C., cinco (5) de diciembre de dos mil veintitr\u00e9s (2023) La Sala Plena de la Corte Constitucional, en ejercicio de sus atribuciones constitucionales y cumplidos los requisitos y tr\u00e1mites establecidos en el Decreto 2067 de 1991, profiere la siguiente SENTENCIA 1. 1 ...<br \/><div class=\"pt-cv-rmwrap\"><a href=\"https:\/\/www.dmsjuridica.com\/buscador_20179478954\/corteconstitucionalcronologico202454587\/c-537-23\/\" class=\"_self pt-cv-readmore btn btn-success\" target=\"_self\">Ver Sentencia Completa...<\/a><\/div><\/div><\/div><\/div>\n<div class=\"col-md-12 col-sm-12 col-xs-12 pt-cv-content-item pt-cv-1-col\" ><div class='pt-cv-ifield'><a href=\"https:\/\/www.dmsjuridica.com\/buscador_20179478954\/corteconstitucionalcronologico202454587\/c-536-23\/\" class=\"_self pt-cv-href-thumbnail pt-cv-thumb-default\" target=\"_self\" ><\/a>\n<div class=\"pt-cv-taxoterm above_title\"><a href='https:\/\/www.dmsjuridica.com\/buscador_20179478954\/corteconstitucionalcronologico202454587\/category\/buscar-en-toda-la-corte\/2023\/sentencias-2023\/' title='Sentencias 2023' class='pt-cv-tax-sentencias-2023'>Sentencias 2023<\/a><\/div>\n<h4 class=\"pt-cv-title\"><a href=\"https:\/\/www.dmsjuridica.com\/buscador_20179478954\/corteconstitucionalcronologico202454587\/c-536-23\/\" class=\"_self\" target=\"_self\" >C-536-23<\/a><\/h4>\n<div class=\"pt-cv-content\">\u00a0 \u00a0 \u00a0\u00a0 \u00a0\u00a0 \u00a0\u00a0 \u00a0\u00a0 PERSONAS QUE NO SABEN LEER NI ESCRIBIR-Posibilidad de otorgar el testamento cerrado \u00a0 \u00a0\u00a0 PERSONAS QUE NO SABEN LEER NI ESCRIBIR-Restricci\u00f3n normativa en la modalidad para otorgar el testamento vulnera derecho a la intimidad \u00a0 \u00a0\u00a0 Al decidir sobre la constitucionalidad del art\u00edculo 1079 que dispone que quienes no saben leer ni escribir no pueden otorgar testamento cerrado, la Sala concluy\u00f3 que la disposici\u00f3n demandada es incompatible con la Constituci\u00f3n porque desconoce el derecho a la intimidad, en tanto los obliga a otorgar testamento abierto y, por tanto, a exponer su voluntad en alta ...<br \/><div class=\"pt-cv-rmwrap\"><a href=\"https:\/\/www.dmsjuridica.com\/buscador_20179478954\/corteconstitucionalcronologico202454587\/c-536-23\/\" class=\"_self pt-cv-readmore btn btn-success\" target=\"_self\">Ver Sentencia Completa...<\/a><\/div><\/div><\/div><\/div>\n<div class=\"col-md-12 col-sm-12 col-xs-12 pt-cv-content-item pt-cv-1-col\" ><div class='pt-cv-ifield'><a href=\"https:\/\/www.dmsjuridica.com\/buscador_20179478954\/corteconstitucionalcronologico202454587\/c-524-23\/\" class=\"_self pt-cv-href-thumbnail pt-cv-thumb-default\" target=\"_self\" ><\/a>\n<div class=\"pt-cv-taxoterm above_title\"><a href='https:\/\/www.dmsjuridica.com\/buscador_20179478954\/corteconstitucionalcronologico202454587\/category\/buscar-en-toda-la-corte\/2023\/sentencias-2023\/' title='Sentencias 2023' class='pt-cv-tax-sentencias-2023'>Sentencias 2023<\/a><\/div>\n<h4 class=\"pt-cv-title\"><a href=\"https:\/\/www.dmsjuridica.com\/buscador_20179478954\/corteconstitucionalcronologico202454587\/c-524-23\/\" class=\"_self\" target=\"_self\" >C-524-23<\/a><\/h4>\n<div class=\"pt-cv-content\">Expediente D-15.063 M.P. Jorge Enrique Ib\u00e1\u00f1ez Najar REP\u00daBLICA DE COLOMBIA CORTE CONSTITUCIONAL Sala Plena SENTENCIA C-524 DE 2023 Expediente: D-15.063 Demanda de inconstitucionalidad de la ciudadana Mar\u00eda Fernanda Hurtado en contra de la norma que surge de la interpretaci\u00f3n que el Consejo de Estado ha dado a los art\u00edculos 39 de la Ley 14 de 1983 (parcial), 52 de la Ley 10 de 1990 (parcial) y 155 de la Ley 100 de 1993 (parcial). Magistrado Ponente: Jorge Enrique Ib\u00e1\u00f1ez Najar Bogot\u00e1, D.C., veintinueve (29) de noviembre de dos mil veintitr\u00e9s (2023) SENTENCIA Dentro del proceso adelantado en los t\u00e9rminos de ...<br \/><div class=\"pt-cv-rmwrap\"><a href=\"https:\/\/www.dmsjuridica.com\/buscador_20179478954\/corteconstitucionalcronologico202454587\/c-524-23\/\" class=\"_self pt-cv-readmore btn btn-success\" target=\"_self\">Ver Sentencia Completa...<\/a><\/div><\/div><\/div><\/div>\n<div class=\"col-md-12 col-sm-12 col-xs-12 pt-cv-content-item pt-cv-1-col\" ><div class='pt-cv-ifield'><a href=\"https:\/\/www.dmsjuridica.com\/buscador_20179478954\/corteconstitucionalcronologico202454587\/c-522-23\/\" class=\"_self pt-cv-href-thumbnail pt-cv-thumb-default\" target=\"_self\" ><\/a>\n<div class=\"pt-cv-taxoterm above_title\"><a href='https:\/\/www.dmsjuridica.com\/buscador_20179478954\/corteconstitucionalcronologico202454587\/category\/buscar-en-toda-la-corte\/2023\/sentencias-2023\/' title='Sentencias 2023' class='pt-cv-tax-sentencias-2023'>Sentencias 2023<\/a><\/div>\n<h4 class=\"pt-cv-title\"><a href=\"https:\/\/www.dmsjuridica.com\/buscador_20179478954\/corteconstitucionalcronologico202454587\/c-522-23\/\" class=\"_self\" target=\"_self\" >C-522-23<\/a><\/h4>\n<div class=\"pt-cv-content\">TEMAS-SUBTEMAS Sentencia C-522\/23 ACCION DE TUTELA-No son aplicables reglas procesales sobre la admisi\u00f3n de la demanda, exigidas a otros procesos judiciales (...) la Sala Plena considera que exigir al accionante enviar simult\u00e1neamente a la presentaci\u00f3n de la tutela, el documento de solicitud y sus anexos, so pena de inadmisi\u00f3n, vulnera el derecho constitucional de acceso a la administraci\u00f3n de justicia en materia de tutela. Para esta Sala, la acci\u00f3n de tutela tiene un car\u00e1cter informal que es inherente a ella, por lo que las reglas que aplican para otros procesos sobre los que s\u00ed se prev\u00e9n reglas procesales estrictas, no ...<br \/><div class=\"pt-cv-rmwrap\"><a href=\"https:\/\/www.dmsjuridica.com\/buscador_20179478954\/corteconstitucionalcronologico202454587\/c-522-23\/\" class=\"_self pt-cv-readmore btn btn-success\" target=\"_self\">Ver Sentencia Completa...<\/a><\/div><\/div><\/div><\/div>\n<div class=\"col-md-12 col-sm-12 col-xs-12 pt-cv-content-item pt-cv-1-col\" ><div class='pt-cv-ifield'><a href=\"https:\/\/www.dmsjuridica.com\/buscador_20179478954\/corteconstitucionalcronologico202454587\/c-521-23\/\" class=\"_self pt-cv-href-thumbnail pt-cv-thumb-default\" target=\"_self\" ><\/a>\n<div class=\"pt-cv-taxoterm above_title\"><a href='https:\/\/www.dmsjuridica.com\/buscador_20179478954\/corteconstitucionalcronologico202454587\/category\/buscar-en-toda-la-corte\/2023\/sentencias-2023\/' title='Sentencias 2023' class='pt-cv-tax-sentencias-2023'>Sentencias 2023<\/a><\/div>\n<h4 class=\"pt-cv-title\"><a href=\"https:\/\/www.dmsjuridica.com\/buscador_20179478954\/corteconstitucionalcronologico202454587\/c-521-23\/\" class=\"_self\" target=\"_self\" >C-521-23<\/a><\/h4>\n<div class=\"pt-cv-content\">R-354 MP Cristina Pardo Schlesinger R-354 MP Cristina Pardo Schlesinger REP\u00daBLICA DE COLOMBIA CORTE CONSTITUCIONAL SENTENCIA C-521\/2023 Ref.: Expediente RE-354 Control de constitucionalidad del Decreto Legislativo 1272 del 31 de julio de 2023, \u00ab[p]or medio del cual se crea una transferencia no condicionada para atender a las familias con ni\u00f1os y ni\u00f1as en primera infancia y\/o madres gestantes, que se encuentren en estado de desnutrici\u00f3n o en riesgo inminente de estarlo en el departamento de La Guajira y se toman otras medidas que permiten la atenci\u00f3n integral de esta poblaci\u00f3n en el marco del Estado de Emergencia Econ\u00f3mica, Social y ...<br \/><div class=\"pt-cv-rmwrap\"><a href=\"https:\/\/www.dmsjuridica.com\/buscador_20179478954\/corteconstitucionalcronologico202454587\/c-521-23\/\" class=\"_self pt-cv-readmore btn btn-success\" target=\"_self\">Ver Sentencia Completa...<\/a><\/div><\/div><\/div><\/div>\n<div class=\"col-md-12 col-sm-12 col-xs-12 pt-cv-content-item pt-cv-1-col\" ><div class='pt-cv-ifield'><a href=\"https:\/\/www.dmsjuridica.com\/buscador_20179478954\/corteconstitucionalcronologico202454587\/c-519-23\/\" class=\"_self pt-cv-href-thumbnail pt-cv-thumb-default\" target=\"_self\" ><\/a>\n<div class=\"pt-cv-taxoterm above_title\"><a href='https:\/\/www.dmsjuridica.com\/buscador_20179478954\/corteconstitucionalcronologico202454587\/category\/buscar-en-toda-la-corte\/2023\/sentencias-2023\/' title='Sentencias 2023' class='pt-cv-tax-sentencias-2023'>Sentencias 2023<\/a><\/div>\n<h4 class=\"pt-cv-title\"><a href=\"https:\/\/www.dmsjuridica.com\/buscador_20179478954\/corteconstitucionalcronologico202454587\/c-519-23\/\" class=\"_self\" target=\"_self\" >C-519-23<\/a><\/h4>\n<div class=\"pt-cv-content\">TEMAS-SUBTEMAS Sentencia C-519\/23 DEMANDA DE INCONSTITUCIONALIDAD CONTRA LA LEY 2277 DE 2022-Estarse a lo resuelto en la sentencia C-391 de 2023 La Sala Plena constata que la Sentencia C-391 de 2023 declar\u00f3 la inexequibilidad del art\u00edculo 95 de la Ley 2277 de 2022, por cuanto encontr\u00f3 que en el tr\u00e1mite legislativo que dio lugar a su aprobaci\u00f3n se desconocieron los principios de consecutividad e identidad flexible previstos en los art\u00edculos 157 y 160 de la Constituci\u00f3n Pol\u00edtica. En consecuencia, dado que la disposici\u00f3n acusada en el expediente D-15216 sub examine ha sido excluida del ordenamiento mediante una decisi\u00f3n que ha ...<br \/><div class=\"pt-cv-rmwrap\"><a href=\"https:\/\/www.dmsjuridica.com\/buscador_20179478954\/corteconstitucionalcronologico202454587\/c-519-23\/\" class=\"_self pt-cv-readmore btn btn-success\" target=\"_self\">Ver Sentencia Completa...<\/a><\/div><\/div><\/div><\/div>\n<div class=\"col-md-12 col-sm-12 col-xs-12 pt-cv-content-item pt-cv-1-col\" ><div class='pt-cv-ifield'><a href=\"https:\/\/www.dmsjuridica.com\/buscador_20179478954\/corteconstitucionalcronologico202454587\/c-518-23\/\" class=\"_self pt-cv-href-thumbnail pt-cv-thumb-default\" target=\"_self\" ><\/a>\n<div class=\"pt-cv-taxoterm above_title\"><a href='https:\/\/www.dmsjuridica.com\/buscador_20179478954\/corteconstitucionalcronologico202454587\/category\/buscar-en-toda-la-corte\/2023\/sentencias-2023\/' title='Sentencias 2023' class='pt-cv-tax-sentencias-2023'>Sentencias 2023<\/a><\/div>\n<h4 class=\"pt-cv-title\"><a href=\"https:\/\/www.dmsjuridica.com\/buscador_20179478954\/corteconstitucionalcronologico202454587\/c-518-23\/\" class=\"_self\" target=\"_self\" >C-518-23<\/a><\/h4>\n<div class=\"pt-cv-content\">TEMAS-SUBTEMAS Sentencia C-518\/23 DEMANDA DE INCONSTITUCIONALIDAD CONTRA LA LEY 2277 DE 2022-Estarse a lo resuelto en la sentencia C-489 de 2023 COSA JUZGADA CONSTITUCIONAL FORMAL Y ABSOLUTA-Configuraci\u00f3n COSA JUZGADA CONSTITUCIONAL-Requisitos para su configuraci\u00f3n COSA JUZGADA FORMAL Y MATERIAL, COSA JUZGADA ABSOLUTA Y RELATIVA Y COSA JUZGADA APARENTE-Conceptos REP\u00daBLICA DE COLOMBIA CORTE CONSTITUCIONAL Sala Plena SENTENCIA C-518 DE 2023 Ref.: expedientes D-15.113 y D-15.114 AC Demanda de inconstitucionalidad contra el par\u00e1grafo 1 del art\u00edculo 19 (parcial) de la Ley 2277 de 2022, \u00ab[p]or medio de la cual se adopta una reforma tributaria para la igualdad y la justicia social y se ...<br \/><div class=\"pt-cv-rmwrap\"><a href=\"https:\/\/www.dmsjuridica.com\/buscador_20179478954\/corteconstitucionalcronologico202454587\/c-518-23\/\" class=\"_self pt-cv-readmore btn btn-success\" target=\"_self\">Ver Sentencia Completa...<\/a><\/div><\/div><\/div><\/div>\n<div class=\"col-md-12 col-sm-12 col-xs-12 pt-cv-content-item pt-cv-1-col\" ><div class='pt-cv-ifield'><a href=\"https:\/\/www.dmsjuridica.com\/buscador_20179478954\/corteconstitucionalcronologico202454587\/c-507-23\/\" class=\"_self pt-cv-href-thumbnail pt-cv-thumb-default\" target=\"_self\" ><\/a>\n<div class=\"pt-cv-taxoterm above_title\"><a href='https:\/\/www.dmsjuridica.com\/buscador_20179478954\/corteconstitucionalcronologico202454587\/category\/buscar-en-toda-la-corte\/2023\/sentencias-2023\/' title='Sentencias 2023' class='pt-cv-tax-sentencias-2023'>Sentencias 2023<\/a><\/div>\n<h4 class=\"pt-cv-title\"><a href=\"https:\/\/www.dmsjuridica.com\/buscador_20179478954\/corteconstitucionalcronologico202454587\/c-507-23\/\" class=\"_self\" target=\"_self\" >C-507-23<\/a><\/h4>\n<div class=\"pt-cv-content\">Expediente D-15.299 M.P. Jorge Enrique Ib\u00e1\u00f1ez Najar REP\u00daBLICA DE COLOMBIA CORTE CONSTITUCIONAL Sala Plena SENTENCIA C-507 DE 2023 Expediente: D-15.299 Demanda de inconstitucionalidad contra el art\u00edculo 2 de la Ley 2101 de 2021 \u201cpor medio de la cual se reduce la jornada laboral semanal de manera gradual, sin disminuir el salario de los trabajadores y se dictan otras disposiciones\u201d. Magistrado Ponente: Jorge Enrique Ib\u00e1\u00f1ez Najar Bogot\u00e1, D.C., veintid\u00f3s (22) de noviembre de dos mil veintitr\u00e9s (2023) La Sala Plena de la Corte Constitucional, en ejercicio de sus competencias constitucionales y legales, en particular de aquella que le confiere el art\u00edculo ...<br \/><div class=\"pt-cv-rmwrap\"><a href=\"https:\/\/www.dmsjuridica.com\/buscador_20179478954\/corteconstitucionalcronologico202454587\/c-507-23\/\" class=\"_self pt-cv-readmore btn btn-success\" target=\"_self\">Ver Sentencia Completa...<\/a><\/div><\/div><\/div><\/div>\n<div class=\"col-md-12 col-sm-12 col-xs-12 pt-cv-content-item pt-cv-1-col\" ><div class='pt-cv-ifield'><a href=\"https:\/\/www.dmsjuridica.com\/buscador_20179478954\/corteconstitucionalcronologico202454587\/c-506-23\/\" class=\"_self pt-cv-href-thumbnail pt-cv-thumb-default\" target=\"_self\" ><\/a>\n<div class=\"pt-cv-taxoterm above_title\"><a href='https:\/\/www.dmsjuridica.com\/buscador_20179478954\/corteconstitucionalcronologico202454587\/category\/buscar-en-toda-la-corte\/2023\/sentencias-2023\/' title='Sentencias 2023' class='pt-cv-tax-sentencias-2023'>Sentencias 2023<\/a><\/div>\n<h4 class=\"pt-cv-title\"><a href=\"https:\/\/www.dmsjuridica.com\/buscador_20179478954\/corteconstitucionalcronologico202454587\/c-506-23\/\" class=\"_self\" target=\"_self\" >C-506-23<\/a><\/h4>\n<div class=\"pt-cv-content\">Expediente D-15.241 MP. Cristina Pardo Schlesinger REP\u00daBLICA DE COLOMBIA CORTE CONSTITUCIONAL Sala Plena Sentencia C-506 de 2023 Referencia: expediente D-15.241 Accionantes: \u00c1lvaro Andr\u00e9s D\u00edaz Palacios y Alejandro Sotello Riveros Asunto: Acci\u00f3n de inconstitucionalidad contra los art\u00edculos 50, 51, 52 y 53 de la Ley 2277 de 2022 \u201cpor la cual se adopta una Reforma Tributaria para la igualdad y la justicia social y se dictan otras disposiciones\u201d Magistrada ponente: CRISTINA PARDO SCHLESINGER Bogot\u00e1 D. C., noviembre veintid\u00f3s (22) de dos mil veintitr\u00e9s (2023) La Sala Plena de la Corte Constitucional, en ejercicio de sus atribuciones constitucionales y legales, en especial ...<br \/><div class=\"pt-cv-rmwrap\"><a href=\"https:\/\/www.dmsjuridica.com\/buscador_20179478954\/corteconstitucionalcronologico202454587\/c-506-23\/\" class=\"_self pt-cv-readmore btn btn-success\" target=\"_self\">Ver Sentencia Completa...<\/a><\/div><\/div><\/div><\/div>\n<div class=\"col-md-12 col-sm-12 col-xs-12 pt-cv-content-item pt-cv-1-col\" ><div class='pt-cv-ifield'><a href=\"https:\/\/www.dmsjuridica.com\/buscador_20179478954\/corteconstitucionalcronologico202454587\/c-505-23\/\" class=\"_self pt-cv-href-thumbnail pt-cv-thumb-default\" target=\"_self\" ><\/a>\n<div class=\"pt-cv-taxoterm above_title\"><a href='https:\/\/www.dmsjuridica.com\/buscador_20179478954\/corteconstitucionalcronologico202454587\/category\/buscar-en-toda-la-corte\/2023\/sentencias-2023\/' title='Sentencias 2023' class='pt-cv-tax-sentencias-2023'>Sentencias 2023<\/a><\/div>\n<h4 class=\"pt-cv-title\"><a href=\"https:\/\/www.dmsjuridica.com\/buscador_20179478954\/corteconstitucionalcronologico202454587\/c-505-23\/\" class=\"_self\" target=\"_self\" >C-505-23<\/a><\/h4>\n<div class=\"pt-cv-content\">Expediente D-15.271 M.S. Cristina Pardo Schlesinger REP\u00daBLICA DE COLOMBIA Sala Plena Sentencia C-505 de 2023 Referencia: expediente D-15.271 Accionante: Yefferson Mauricio Due\u00f1as G\u00f3mez Asunto: Acci\u00f3n de inconstitucionalidad contra el \u201cAnexo Entes Aut\u00f3nomos Universitarios Estatales \u2013 Universidades P\u00fablicas\u201d, incorporado a la Ley 2276 de 2022 mediante el art\u00edculo 77 de la misma. Magistrada ponente: CRISTINA PARDO SCHLESINGER Bogot\u00e1 D. C., noviembre veintiuno (21) de dos mil veintitr\u00e9s (2023) La Sala Plena de la Corte Constitucional, en ejercicio de sus atribuciones constitucionales, previo cumplimiento de los requisitos y tr\u00e1mites establecidos en el Decreto 2067 de 1991, profiere la siguiente SENTENCIA I. ANTECEDENTES ...<br \/><div class=\"pt-cv-rmwrap\"><a href=\"https:\/\/www.dmsjuridica.com\/buscador_20179478954\/corteconstitucionalcronologico202454587\/c-505-23\/\" class=\"_self pt-cv-readmore btn btn-success\" target=\"_self\">Ver Sentencia Completa...<\/a><\/div><\/div><\/div><\/div>\n<div class=\"col-md-12 col-sm-12 col-xs-12 pt-cv-content-item pt-cv-1-col\" ><div class='pt-cv-ifield'><a href=\"https:\/\/www.dmsjuridica.com\/buscador_20179478954\/corteconstitucionalcronologico202454587\/c-504-23\/\" class=\"_self pt-cv-href-thumbnail pt-cv-thumb-default\" target=\"_self\" ><\/a>\n<div class=\"pt-cv-taxoterm above_title\"><a href='https:\/\/www.dmsjuridica.com\/buscador_20179478954\/corteconstitucionalcronologico202454587\/category\/buscar-en-toda-la-corte\/2023\/sentencias-2023\/' title='Sentencias 2023' class='pt-cv-tax-sentencias-2023'>Sentencias 2023<\/a><\/div>\n<h4 class=\"pt-cv-title\"><a href=\"https:\/\/www.dmsjuridica.com\/buscador_20179478954\/corteconstitucionalcronologico202454587\/c-504-23\/\" class=\"_self\" target=\"_self\" >C-504-23<\/a><\/h4>\n<div class=\"pt-cv-content\">\u00a0 \u00a0 ACCI\u00d3N DE EXTINCI\u00d3N DE DOMINIO-Derecho a no incriminar a la familia se extiende hasta el cuarto grado de parentesco civil\/OMISI\u00d3N LEGISLATIVA RELATIVA-Configuraci\u00f3n \u00a0 \u00a0\u00a0 A la luz de estas exigencias, la Sala Plena concluye que efectivamente se encuentra configurada la omisi\u00f3n legislativa relativa denunciada por los demandantes.\u00a0Esta afirmaci\u00f3n se basa en las siguientes razones: (i) el art\u00edculo 175 de la Ley 1708 de 2014 omite incluir a los familiares que se encuentran en el segundo, tercero y cuarto grado de parentesco civil, quienes, por las razones expuestas en esta providencia, deber\u00edan recibir un trato id\u00e9ntico a los familiares ...<br \/><div class=\"pt-cv-rmwrap\"><a href=\"https:\/\/www.dmsjuridica.com\/buscador_20179478954\/corteconstitucionalcronologico202454587\/c-504-23\/\" class=\"_self pt-cv-readmore btn btn-success\" target=\"_self\">Ver Sentencia Completa...<\/a><\/div><\/div><\/div><\/div>\n<div class=\"col-md-12 col-sm-12 col-xs-12 pt-cv-content-item pt-cv-1-col\" ><div class='pt-cv-ifield'><a href=\"https:\/\/www.dmsjuridica.com\/buscador_20179478954\/corteconstitucionalcronologico202454587\/c-503-23\/\" class=\"_self pt-cv-href-thumbnail pt-cv-thumb-default\" target=\"_self\" ><\/a>\n<div class=\"pt-cv-taxoterm above_title\"><a href='https:\/\/www.dmsjuridica.com\/buscador_20179478954\/corteconstitucionalcronologico202454587\/category\/buscar-en-toda-la-corte\/2023\/sentencias-2023\/' title='Sentencias 2023' class='pt-cv-tax-sentencias-2023'>Sentencias 2023<\/a><\/div>\n<h4 class=\"pt-cv-title\"><a href=\"https:\/\/www.dmsjuridica.com\/buscador_20179478954\/corteconstitucionalcronologico202454587\/c-503-23\/\" class=\"_self\" target=\"_self\" >C-503-23<\/a><\/h4>\n<div class=\"pt-cv-content\">Expediente D-15157 M.P. Paola Andrea Meneses Mosquera P\u00e1gina \u00a0de\u00a0 REP\u00daBLICA DE COLOMBIA CORTE CONSTITUCIONAL Sala Plena SENTENCIA C-503 DE 2023 Referencia: Expediente D-15157 Demandante: Laura Milena Aldana Gonz\u00e1lez Magistrada ponente: PAOLA ANDREA MENESES MOSQUERA Bogot\u00e1, D.C., veintiuno (21) de noviembre de dos mil veintitr\u00e9s (2023) La Sala Plena de la Corte Constitucional, en ejercicio de sus competencias constitucionales y legales, profiere la siguiente SENTENCIA I. I. \u00a0Antecedentes 1. 1. \u00a0El 31 de enero de 2023, Laura Milena Aldana Gonz\u00e1lez present\u00f3 demanda de acci\u00f3n p\u00fablica de inconstitucionalidad, en contra del par\u00e1grafo del art\u00edculo 2 de la Ley 2010 de 2019, \u201c[p]or ...<br \/><div class=\"pt-cv-rmwrap\"><a href=\"https:\/\/www.dmsjuridica.com\/buscador_20179478954\/corteconstitucionalcronologico202454587\/c-503-23\/\" class=\"_self pt-cv-readmore btn btn-success\" target=\"_self\">Ver Sentencia Completa...<\/a><\/div><\/div><\/div><\/div>\n<div class=\"col-md-12 col-sm-12 col-xs-12 pt-cv-content-item pt-cv-1-col\" ><div class='pt-cv-ifield'><a href=\"https:\/\/www.dmsjuridica.com\/buscador_20179478954\/corteconstitucionalcronologico202454587\/c-502-23\/\" class=\"_self pt-cv-href-thumbnail pt-cv-thumb-default\" target=\"_self\" ><\/a>\n<div class=\"pt-cv-taxoterm above_title\"><a href='https:\/\/www.dmsjuridica.com\/buscador_20179478954\/corteconstitucionalcronologico202454587\/category\/buscar-en-toda-la-corte\/2023\/sentencias-2023\/' title='Sentencias 2023' class='pt-cv-tax-sentencias-2023'>Sentencias 2023<\/a><\/div>\n<h4 class=\"pt-cv-title\"><a href=\"https:\/\/www.dmsjuridica.com\/buscador_20179478954\/corteconstitucionalcronologico202454587\/c-502-23\/\" class=\"_self\" target=\"_self\" >C-502-23<\/a><\/h4>\n<div class=\"pt-cv-content\">\u00a0 \u00a0 TRIBUTO TERRITORIAL PARA FINANCIAR ACTIVIDAD BOMBERIL-Falta de determinaci\u00f3n del hecho generador\/PRINCIPIO DE CERTEZA Y LEGALIDAD DEL TRIBUTO-Vulneraci\u00f3n al no determinarse ni ser determinable el hecho generador \u00a0 \u00a0\u00a0 (...) la inclusi\u00f3n dentro del hecho generador de este impuesto de los \u201co dem\u00e1s\u201d contratos, y la autorizaci\u00f3n para la creaci\u00f3n de tasas y sobretasas s\u00ed contravienen los principios de legalidad y certeza del tributo. Esto es as\u00ed por cuanto: a) la expresi\u00f3n \u201co dem\u00e1s\u201d carece de la precisi\u00f3n necesaria para cumplir el m\u00ednimo de intensidad normativa que exige la Constituci\u00f3n cuando la ley define el hecho generador de un ...<br \/><div class=\"pt-cv-rmwrap\"><a href=\"https:\/\/www.dmsjuridica.com\/buscador_20179478954\/corteconstitucionalcronologico202454587\/c-502-23\/\" class=\"_self pt-cv-readmore btn btn-success\" target=\"_self\">Ver Sentencia Completa...<\/a><\/div><\/div><\/div><\/div>\n<div class=\"col-md-12 col-sm-12 col-xs-12 pt-cv-content-item pt-cv-1-col\" ><div class='pt-cv-ifield'><a href=\"https:\/\/www.dmsjuridica.com\/buscador_20179478954\/corteconstitucionalcronologico202454587\/c-501-23\/\" class=\"_self pt-cv-href-thumbnail pt-cv-thumb-default\" target=\"_self\" ><\/a>\n<div class=\"pt-cv-taxoterm above_title\"><a href='https:\/\/www.dmsjuridica.com\/buscador_20179478954\/corteconstitucionalcronologico202454587\/category\/buscar-en-toda-la-corte\/2023\/sentencias-2023\/' title='Sentencias 2023' class='pt-cv-tax-sentencias-2023'>Sentencias 2023<\/a><\/div>\n<h4 class=\"pt-cv-title\"><a href=\"https:\/\/www.dmsjuridica.com\/buscador_20179478954\/corteconstitucionalcronologico202454587\/c-501-23\/\" class=\"_self\" target=\"_self\" >C-501-23<\/a><\/h4>\n<div class=\"pt-cv-content\">\u00a0 \u00a0 PAGO DE DERECHOS DE AUTOR Y CONEXOS EN FAVOR DE SOCIEDADES DE GESTI\u00d3N COLECTIVA-Medida no establece un trato diferenciado injustificado \u00a0 \u00a0\u00a0 La limitaci\u00f3n contenida en el art\u00edculo 3 de la Ley 2066 de 2020, al establecer que el pago de las obligaciones derivadas de derechos de autor y conexos a cargo de los referidos operadores comunitarios, solo se aplicar\u00eda a las acreencias en favor de las sociedades de gesti\u00f3n colectiva, super\u00f3 el juicio de igualdad de intensidad leve, de lo cual se sigue que la medida no genera un tratamiento diferenciado irrazonable que viole el principio constitucional ...<br \/><div class=\"pt-cv-rmwrap\"><a href=\"https:\/\/www.dmsjuridica.com\/buscador_20179478954\/corteconstitucionalcronologico202454587\/c-501-23\/\" class=\"_self pt-cv-readmore btn btn-success\" target=\"_self\">Ver Sentencia Completa...<\/a><\/div><\/div><\/div><\/div>\n<div class=\"col-md-12 col-sm-12 col-xs-12 pt-cv-content-item pt-cv-1-col\" ><div class='pt-cv-ifield'><a href=\"https:\/\/www.dmsjuridica.com\/buscador_20179478954\/corteconstitucionalcronologico202454587\/c-500-23\/\" class=\"_self pt-cv-href-thumbnail pt-cv-thumb-default\" target=\"_self\" ><\/a>\n<div class=\"pt-cv-taxoterm above_title\"><a href='https:\/\/www.dmsjuridica.com\/buscador_20179478954\/corteconstitucionalcronologico202454587\/category\/buscar-en-toda-la-corte\/2023\/sentencias-2023\/' title='Sentencias 2023' class='pt-cv-tax-sentencias-2023'>Sentencias 2023<\/a><\/div>\n<h4 class=\"pt-cv-title\"><a href=\"https:\/\/www.dmsjuridica.com\/buscador_20179478954\/corteconstitucionalcronologico202454587\/c-500-23\/\" class=\"_self\" target=\"_self\" >C-500-23<\/a><\/h4>\n<div class=\"pt-cv-content\">Expediente D-15215 P\u00e1gina \u00a0de REP\u00daBLICA DE COLOMBIA CORTE CONSTITUCIONAL -Sala Plena- SENTENCIA C-500 DE 2023 Referencia: Expediente D-15215 Demanda de inconstitucionalidad contra los numerales 1, 2 y 3, y los par\u00e1grafos 5\u00b0 y 6\u00b0 del art\u00edculo 240-1 del Estatuto Tributario, tal y como fueron modificados por el art\u00edculo 11 de la Ley 2277 de 2022, \u201cPor medio de la cual se adopta una reforma tributaria para la igualdad y la justicia social y se dictan otras disposiciones\u201d Demandantes: Diego Eduardo L\u00f3pez Medina C\u00e9sar Camilo Cerme\u00f1o Cristancho Magistrado Sustanciador: ALEJANDRO LINARES CANTILLO Bogot\u00e1, D.C., veintiuno (21) de noviembre dos mil veintitr\u00e9s ...<br \/><div class=\"pt-cv-rmwrap\"><a href=\"https:\/\/www.dmsjuridica.com\/buscador_20179478954\/corteconstitucionalcronologico202454587\/c-500-23\/\" class=\"_self pt-cv-readmore btn btn-success\" target=\"_self\">Ver Sentencia Completa...<\/a><\/div><\/div><\/div><\/div>\n<div class=\"col-md-12 col-sm-12 col-xs-12 pt-cv-content-item pt-cv-1-col\" ><div class='pt-cv-ifield'><a href=\"https:\/\/www.dmsjuridica.com\/buscador_20179478954\/corteconstitucionalcronologico202454587\/c-499-23\/\" class=\"_self pt-cv-href-thumbnail pt-cv-thumb-default\" target=\"_self\" ><\/a>\n<div class=\"pt-cv-taxoterm above_title\"><a href='https:\/\/www.dmsjuridica.com\/buscador_20179478954\/corteconstitucionalcronologico202454587\/category\/buscar-en-toda-la-corte\/2023\/sentencias-2023\/' title='Sentencias 2023' class='pt-cv-tax-sentencias-2023'>Sentencias 2023<\/a><\/div>\n<h4 class=\"pt-cv-title\"><a href=\"https:\/\/www.dmsjuridica.com\/buscador_20179478954\/corteconstitucionalcronologico202454587\/c-499-23\/\" class=\"_self\" target=\"_self\" >C-499-23<\/a><\/h4>\n<div class=\"pt-cv-content\">Sentencia C-499\/23 DEMANDA DE INCONSTITUCIONALIDAD CONTRA LA LEY 2283 DE 2023-Estarse a lo resuelto en la sentencia C-470 de 2023 COSA JUZGADA CONSTITUCIONAL FORMAL Y ABSOLUTA-Configuraci\u00f3n La Sala Plena concluye que en el presente caso no es posible emprender la revisi\u00f3n respecto de ninguno de los cargos formulados contra el art\u00edculo 6 de la Ley 2283 de 2023. En primer lugar, oper\u00f3 el fen\u00f3meno de cosa juzgada formal y absoluta por la violaci\u00f3n del art\u00edculo 333 superior; y, en segundo lugar, respecto de los cargos por violaci\u00f3n de los art\u00edculos 158 y 161 ibidem, por sustracci\u00f3n de materia no procede ...<br \/><div class=\"pt-cv-rmwrap\"><a href=\"https:\/\/www.dmsjuridica.com\/buscador_20179478954\/corteconstitucionalcronologico202454587\/c-499-23\/\" class=\"_self pt-cv-readmore btn btn-success\" target=\"_self\">Ver Sentencia Completa...<\/a><\/div><\/div><\/div><\/div>\n<div class=\"col-md-12 col-sm-12 col-xs-12 pt-cv-content-item pt-cv-1-col\" ><div class='pt-cv-ifield'><a href=\"https:\/\/www.dmsjuridica.com\/buscador_20179478954\/corteconstitucionalcronologico202454587\/c-492-23\/\" class=\"_self pt-cv-href-thumbnail pt-cv-thumb-default\" target=\"_self\" ><\/a>\n<div class=\"pt-cv-taxoterm above_title\"><a href='https:\/\/www.dmsjuridica.com\/buscador_20179478954\/corteconstitucionalcronologico202454587\/category\/buscar-en-toda-la-corte\/2023\/sentencias-2023\/' title='Sentencias 2023' class='pt-cv-tax-sentencias-2023'>Sentencias 2023<\/a><\/div>\n<h4 class=\"pt-cv-title\"><a href=\"https:\/\/www.dmsjuridica.com\/buscador_20179478954\/corteconstitucionalcronologico202454587\/c-492-23\/\" class=\"_self\" target=\"_self\" >C-492-23<\/a><\/h4>\n<div class=\"pt-cv-content\">Sentencia C-492-2023 M.P. Diana Fajardo Rivera REP\u00daBLICA DE COLOMBIA CORTE CONSTITUCIONAL SENTENCIA C-492 DE 2023 Referencia: Expediente RE-351. Asunto: Revisi\u00f3n de constitucionalidad del Decreto Legislativo 1269 de 2023, \u201cpor el cual se adoptan medidas en el sector educaci\u00f3n, en el marco del Estado de Emergencia Econ\u00f3mica, Social y Ecol\u00f3gica declarado en el departamento de La Guajira\u201d. Magistrada ponente: Diana Fajardo Rivera. La Sala Plena de la Corte Constitucional, en ejercicio de sus atribuciones constitucionales y en cumplimiento de los requisitos y tr\u00e1mites establecidos en el Decreto Ley 2067 de 1991, ha proferido la siguiente SENTENCIA Dentro del proceso de revisi\u00f3n ...<br \/><div class=\"pt-cv-rmwrap\"><a href=\"https:\/\/www.dmsjuridica.com\/buscador_20179478954\/corteconstitucionalcronologico202454587\/c-492-23\/\" class=\"_self pt-cv-readmore btn btn-success\" target=\"_self\">Ver Sentencia Completa...<\/a><\/div><\/div><\/div><\/div>\n<div class=\"col-md-12 col-sm-12 col-xs-12 pt-cv-content-item pt-cv-1-col\" ><div class='pt-cv-ifield'><a href=\"https:\/\/www.dmsjuridica.com\/buscador_20179478954\/corteconstitucionalcronologico202454587\/c-490-23\/\" class=\"_self pt-cv-href-thumbnail pt-cv-thumb-default\" target=\"_self\" ><\/a>\n<div class=\"pt-cv-taxoterm above_title\"><a href='https:\/\/www.dmsjuridica.com\/buscador_20179478954\/corteconstitucionalcronologico202454587\/category\/buscar-en-toda-la-corte\/2023\/sentencias-2023\/' title='Sentencias 2023' class='pt-cv-tax-sentencias-2023'>Sentencias 2023<\/a><\/div>\n<h4 class=\"pt-cv-title\"><a href=\"https:\/\/www.dmsjuridica.com\/buscador_20179478954\/corteconstitucionalcronologico202454587\/c-490-23\/\" class=\"_self\" target=\"_self\" >C-490-23<\/a><\/h4>\n<div class=\"pt-cv-content\">TEMAS-SUBTEMAS Sentencia C-490\/23 La Sala Plena concluy\u00f3 que la demanda presentada en esta ocasi\u00f3n no logr\u00f3 acreditar las condiciones de claridad, al indicar diversos planteamientos sin una secuencia o hilo argumentativo que permitiera comprender con facilidad y nitidez el alcance del (o los) reproches planteados por los demandantes; especificidad y certeza, pues la demanda se construy\u00f3 a partir de afirmaciones gen\u00e9ricas y abstractas que no lograron demostrar cu\u00e1l es la vulneraci\u00f3n concreta a la Constituci\u00f3n y se estructur\u00f3 fundamentalmente a partir de una lectura personal, subjetiva y propia de las disposiciones legales cuestionadas; pertinencia, por cuanto se expresaron m\u00faltiples argumentos ...<br \/><div class=\"pt-cv-rmwrap\"><a href=\"https:\/\/www.dmsjuridica.com\/buscador_20179478954\/corteconstitucionalcronologico202454587\/c-490-23\/\" class=\"_self pt-cv-readmore btn btn-success\" target=\"_self\">Ver Sentencia Completa...<\/a><\/div><\/div><\/div><\/div>\n<div class=\"col-md-12 col-sm-12 col-xs-12 pt-cv-content-item pt-cv-1-col\" ><div class='pt-cv-ifield'><a href=\"https:\/\/www.dmsjuridica.com\/buscador_20179478954\/corteconstitucionalcronologico202454587\/c-489-23\/\" class=\"_self pt-cv-href-thumbnail pt-cv-thumb-default\" target=\"_self\" ><\/a>\n<div class=\"pt-cv-taxoterm above_title\"><a href='https:\/\/www.dmsjuridica.com\/buscador_20179478954\/corteconstitucionalcronologico202454587\/category\/buscar-en-toda-la-corte\/2023\/sentencias-2023\/' title='Sentencias 2023' class='pt-cv-tax-sentencias-2023'>Sentencias 2023<\/a><\/div>\n<h4 class=\"pt-cv-title\"><a href=\"https:\/\/www.dmsjuridica.com\/buscador_20179478954\/corteconstitucionalcronologico202454587\/c-489-23\/\" class=\"_self\" target=\"_self\" >C-489-23<\/a><\/h4>\n<div class=\"pt-cv-content\">\u00a0 \u00a0 \u00a0\u00a0 \u00a0\u00a0 \u00a0\u00a0 REP\u00daBLICA DE COLOMBIA \u00a0 \u00a0 CORTE CONSTITUCIONAL \u00a0 \u00a0\u00a0 SENTENCIA C-489 DE 2023 \u00a0 \u00a0\u00a0 Expediente: D-15.097 \u00a0 \u00a0\u00a0 Asunto: Demanda de inconstitucionalidad contra el art\u00edculo 19 (parcial) de la Ley 2277 de 2022, \u201cPor medio de la cual se adopta una reforma tributaria para la igualdad y la justicia social y se dictan otras disposiciones\u201d. \u00a0 \u00a0\u00a0 Demandante: Carlos Edward Osorio Aguiar \u00a0 \u00a0\u00a0 Magistrados ponentes:\u00a0 \u00a0 Jorge Enrique Ib\u00e1\u00f1ez Najar\u00a0 \u00a0 Cristina Pardo Schlesinger \u00a0 \u00a0\u00a0 Bogot\u00e1, D. C., diecis\u00e9is (16) de noviembre dos mil veintitr\u00e9s (2023). \u00a0 \u00a0\u00a0 La Sala Plena de ...<br \/><div class=\"pt-cv-rmwrap\"><a href=\"https:\/\/www.dmsjuridica.com\/buscador_20179478954\/corteconstitucionalcronologico202454587\/c-489-23\/\" class=\"_self pt-cv-readmore btn btn-success\" target=\"_self\">Ver Sentencia Completa...<\/a><\/div><\/div><\/div><\/div>\n<div class=\"col-md-12 col-sm-12 col-xs-12 pt-cv-content-item pt-cv-1-col\" ><div class='pt-cv-ifield'><a href=\"https:\/\/www.dmsjuridica.com\/buscador_20179478954\/corteconstitucionalcronologico202454587\/c-487-23\/\" class=\"_self pt-cv-href-thumbnail pt-cv-thumb-default\" target=\"_self\" ><\/a>\n<div class=\"pt-cv-taxoterm above_title\"><a href='https:\/\/www.dmsjuridica.com\/buscador_20179478954\/corteconstitucionalcronologico202454587\/category\/buscar-en-toda-la-corte\/2023\/sentencias-2023\/' title='Sentencias 2023' class='pt-cv-tax-sentencias-2023'>Sentencias 2023<\/a><\/div>\n<h4 class=\"pt-cv-title\"><a href=\"https:\/\/www.dmsjuridica.com\/buscador_20179478954\/corteconstitucionalcronologico202454587\/c-487-23\/\" class=\"_self\" target=\"_self\" >C-487-23<\/a><\/h4>\n<div class=\"pt-cv-content\">Expediente D-15.176 M.P. \u00a0Jorge Enrique Ib\u00e1\u00f1ez Najar REP\u00daBLICA DE COLOMBIA CORTE CONSTITUCIONAL -Sala Plena- Sentencia C-487 de 2023 Expedientes: D-15.176 Demandantes: Ana Bejarano Ricaurte y otros Asunto: Acci\u00f3n p\u00fablica de inconstitucionalidad en contra de las normas referidas a la pena de prisi\u00f3n, previstas en los art\u00edculos 220 (injuria) y 221 (calumnia) de la Ley 599 de 2000, \u201cPor la cual se expide el C\u00f3digo Penal\u201d Magistrado Ponente: Jorge Enrique Ib\u00e1\u00f1ez Najar Bogot\u00e1 D.C., quince (15) de noviembre de dos mil veintitr\u00e9s (2023) La Sala Plena de la Corte Constitucional, en ejercicio de sus competencias constitucionales y legales, en particular de ...<br \/><div class=\"pt-cv-rmwrap\"><a href=\"https:\/\/www.dmsjuridica.com\/buscador_20179478954\/corteconstitucionalcronologico202454587\/c-487-23\/\" class=\"_self pt-cv-readmore btn btn-success\" target=\"_self\">Ver Sentencia Completa...<\/a><\/div><\/div><\/div><\/div>\n<div class=\"col-md-12 col-sm-12 col-xs-12 pt-cv-content-item pt-cv-1-col\" ><div class='pt-cv-ifield'><a href=\"https:\/\/www.dmsjuridica.com\/buscador_20179478954\/corteconstitucionalcronologico202454587\/c-474-23\/\" class=\"_self pt-cv-href-thumbnail pt-cv-thumb-default\" target=\"_self\" ><\/a>\n<div class=\"pt-cv-taxoterm above_title\"><a href='https:\/\/www.dmsjuridica.com\/buscador_20179478954\/corteconstitucionalcronologico202454587\/category\/buscar-en-toda-la-corte\/2023\/sentencias-2023\/' title='Sentencias 2023' class='pt-cv-tax-sentencias-2023'>Sentencias 2023<\/a><\/div>\n<h4 class=\"pt-cv-title\"><a href=\"https:\/\/www.dmsjuridica.com\/buscador_20179478954\/corteconstitucionalcronologico202454587\/c-474-23\/\" class=\"_self\" target=\"_self\" >C-474-23<\/a><\/h4>\n<div class=\"pt-cv-content\">TEMAS-SUBTEMAS Sentencia C-474\/23 PROCESO DE EXPROPIACION-Restricci\u00f3n para proponer excepciones no vulnera derechos al debido proceso y al acceso a la administraci\u00f3n de justicia (...) si bien es cierto que el numeral 5\u00b0 del art\u00edculo 399 de la Ley 1564 de 2012 restringe la posibilidad de que el demandado dentro del proceso judicial de expropiaci\u00f3n proponga excepciones, ello no conlleva una vulneraci\u00f3n de los derechos al debido proceso y al acceso a la administraci\u00f3n de justicia, toda vez que (i) el afectado tiene a su disposici\u00f3n distintas herramientas jur\u00eddicas id\u00f3neas para hacer valer sus intereses y ejercer la contradicci\u00f3n y la ...<br \/><div class=\"pt-cv-rmwrap\"><a href=\"https:\/\/www.dmsjuridica.com\/buscador_20179478954\/corteconstitucionalcronologico202454587\/c-474-23\/\" class=\"_self pt-cv-readmore btn btn-success\" target=\"_self\">Ver Sentencia Completa...<\/a><\/div><\/div><\/div><\/div>\n<div class=\"col-md-12 col-sm-12 col-xs-12 pt-cv-content-item pt-cv-1-col\" ><div class='pt-cv-ifield'><a href=\"https:\/\/www.dmsjuridica.com\/buscador_20179478954\/corteconstitucionalcronologico202454587\/c-473-23\/\" class=\"_self pt-cv-href-thumbnail pt-cv-thumb-default\" target=\"_self\" ><\/a>\n<div class=\"pt-cv-taxoterm above_title\"><a href='https:\/\/www.dmsjuridica.com\/buscador_20179478954\/corteconstitucionalcronologico202454587\/category\/buscar-en-toda-la-corte\/2023\/sentencias-2023\/' title='Sentencias 2023' class='pt-cv-tax-sentencias-2023'>Sentencias 2023<\/a><\/div>\n<h4 class=\"pt-cv-title\"><a href=\"https:\/\/www.dmsjuridica.com\/buscador_20179478954\/corteconstitucionalcronologico202454587\/c-473-23\/\" class=\"_self\" target=\"_self\" >C-473-23<\/a><\/h4>\n<div class=\"pt-cv-content\">Expediente D-15.047 M.P. Jorge Enrique Ib\u00e1\u00f1ez Najar REP\u00daBLICA DE COLOMBIA CORTE CONSTITUCIONAL -Sala Plena- SENTENCIA C-473 de 2023 Expediente: D-15.047 Demandante: Wilfrido Jos\u00e9 Ballesteros Barrera Asunto: Demanda de inconstitucionalidad en contra de las normas enunciadas en los art\u00edculos 7, 10, 16.5, 21 y 151 de la Ley 1708 de 2014, \u201cPor medio de la cual se expide el C\u00f3digo de Extinci\u00f3n de Dominio\u201d Magistrado ponente: Jorge Enrique Ib\u00e1\u00f1ez Najar Bogot\u00e1, D.C., nueve (9) de noviembre de dos mil veintitr\u00e9s (2023) La Sala Plena de la Corte Constitucional, en ejercicio de sus competencias constitucionales y legales, en particular de aquella que ...<br \/><div class=\"pt-cv-rmwrap\"><a href=\"https:\/\/www.dmsjuridica.com\/buscador_20179478954\/corteconstitucionalcronologico202454587\/c-473-23\/\" class=\"_self pt-cv-readmore btn btn-success\" target=\"_self\">Ver Sentencia Completa...<\/a><\/div><\/div><\/div><\/div>\n<div class=\"col-md-12 col-sm-12 col-xs-12 pt-cv-content-item pt-cv-1-col\" ><div class='pt-cv-ifield'><a href=\"https:\/\/www.dmsjuridica.com\/buscador_20179478954\/corteconstitucionalcronologico202454587\/c-470-23\/\" class=\"_self pt-cv-href-thumbnail pt-cv-thumb-default\" target=\"_self\" ><\/a>\n<div class=\"pt-cv-taxoterm above_title\"><a href='https:\/\/www.dmsjuridica.com\/buscador_20179478954\/corteconstitucionalcronologico202454587\/category\/buscar-en-toda-la-corte\/2023\/sentencias-2023\/' title='Sentencias 2023' class='pt-cv-tax-sentencias-2023'>Sentencias 2023<\/a><\/div>\n<h4 class=\"pt-cv-title\"><a href=\"https:\/\/www.dmsjuridica.com\/buscador_20179478954\/corteconstitucionalcronologico202454587\/c-470-23\/\" class=\"_self\" target=\"_self\" >C-470-23<\/a><\/h4>\n<div class=\"pt-cv-content\">TEMAS-SUBTEMAS LIBERTAD ECON\u00d3MICA, INICIATIVA PRIVADA Y LIBERTAD DE EMPRESA-Se vulnera en norma que obliga a Centros de Diagn\u00f3stico Automotor a tomar un seguro de responsabilidad civil extracontractual ajeno a su actividad econ\u00f3mica (...) la medida es contraria a la Constituci\u00f3n, porque le impone una carga demasiado onerosa a un particular -en este caso los CDA- y con ello afecta el n\u00facleo esencial del derecho a la libertad de empresa al interferir en los asuntos internos de la empresa y obligarlo a pagar con sus propios recursos un seguro que no es inherente a su actividad, ni deriva de un desarrollo ...<br \/><div class=\"pt-cv-rmwrap\"><a href=\"https:\/\/www.dmsjuridica.com\/buscador_20179478954\/corteconstitucionalcronologico202454587\/c-470-23\/\" class=\"_self pt-cv-readmore btn btn-success\" target=\"_self\">Ver Sentencia Completa...<\/a><\/div><\/div><\/div><\/div>\n<div class=\"col-md-12 col-sm-12 col-xs-12 pt-cv-content-item pt-cv-1-col\" ><div class='pt-cv-ifield'><a href=\"https:\/\/www.dmsjuridica.com\/buscador_20179478954\/corteconstitucionalcronologico202454587\/c-469-23\/\" class=\"_self pt-cv-href-thumbnail pt-cv-thumb-default\" target=\"_self\" ><\/a>\n<div class=\"pt-cv-taxoterm above_title\"><a href='https:\/\/www.dmsjuridica.com\/buscador_20179478954\/corteconstitucionalcronologico202454587\/category\/buscar-en-toda-la-corte\/2023\/sentencias-2023\/' title='Sentencias 2023' class='pt-cv-tax-sentencias-2023'>Sentencias 2023<\/a><\/div>\n<h4 class=\"pt-cv-title\"><a href=\"https:\/\/www.dmsjuridica.com\/buscador_20179478954\/corteconstitucionalcronologico202454587\/c-469-23\/\" class=\"_self\" target=\"_self\" >C-469-23<\/a><\/h4>\n<div class=\"pt-cv-content\">Expediente D-15174 REP\u00daBLICA DE COLOMBIA CORTE CONSTITUCIONAL Sala Plena Sentencia C-469 de 2023 Acci\u00f3n p\u00fablica de inconstitucionalidad contra el numeral 1ero (parcial) del art\u00edculo 121 de la Ley 1448 de 2011. Demandantes: Jorge Kenneth Burbano Villamar\u00edn e Ingrid Vanessa Gonz\u00e1lez Guerra. Magistrada ponente: Natalia \u00c1ngel Cabo. Bogot\u00e1 D.C. ocho (8) de noviembre de dos mil veintitr\u00e9s (2023). La Sala Plena de la Corte Constitucional, en ejercicio de sus atribuciones constitucionales y legales, en especial de las previstas en el numeral 4\u00ba del art\u00edculo 241 de la Constituci\u00f3n Pol\u00edtica, y cumplidos todos los tr\u00e1mites y requisitos contemplados en el Decreto 2067 ...<br \/><div class=\"pt-cv-rmwrap\"><a href=\"https:\/\/www.dmsjuridica.com\/buscador_20179478954\/corteconstitucionalcronologico202454587\/c-469-23\/\" class=\"_self pt-cv-readmore btn btn-success\" target=\"_self\">Ver Sentencia Completa...<\/a><\/div><\/div><\/div><\/div>\n<div class=\"col-md-12 col-sm-12 col-xs-12 pt-cv-content-item pt-cv-1-col\" ><div class='pt-cv-ifield'><a href=\"https:\/\/www.dmsjuridica.com\/buscador_20179478954\/corteconstitucionalcronologico202454587\/c-468-23\/\" class=\"_self pt-cv-href-thumbnail pt-cv-thumb-default\" target=\"_self\" ><\/a>\n<div class=\"pt-cv-taxoterm above_title\"><a href='https:\/\/www.dmsjuridica.com\/buscador_20179478954\/corteconstitucionalcronologico202454587\/category\/buscar-en-toda-la-corte\/2023\/sentencias-2023\/' title='Sentencias 2023' class='pt-cv-tax-sentencias-2023'>Sentencias 2023<\/a><\/div>\n<h4 class=\"pt-cv-title\"><a href=\"https:\/\/www.dmsjuridica.com\/buscador_20179478954\/corteconstitucionalcronologico202454587\/c-468-23\/\" class=\"_self\" target=\"_self\" >C-468-23<\/a><\/h4>\n<div class=\"pt-cv-content\">Sentencia C-468 de 2023 REP\u00daBLICA DE COLOMBIA CORTE CONSTITUCIONAL SENTENCIA C-468 de 2023 Referencia: expediente RE-357. Revisi\u00f3n de constitucionalidad del Decreto Legislativo 1275 del 31 de julio de 2023 \u201cPor el cual se establecen medidas relacionadas con la focalizaci\u00f3n de los recursos de los que es beneficiario el departamento de La Guajira y sus municipios provenientes del Sistema General de Regal\u00edas, en el marco del Estado de Emergencia Econ\u00f3mica, Social y Ecol\u00f3gica en el departamento de La Guajira\u201d. Magistrado ponente: Jos\u00e9 Fernando Reyes Cuartas. Bogot\u00e1 D.C., ocho (8) de noviembre de dos mil veintitr\u00e9s (2023). En ejercicio de sus competencias ...<br \/><div class=\"pt-cv-rmwrap\"><a href=\"https:\/\/www.dmsjuridica.com\/buscador_20179478954\/corteconstitucionalcronologico202454587\/c-468-23\/\" class=\"_self pt-cv-readmore btn btn-success\" target=\"_self\">Ver Sentencia Completa...<\/a><\/div><\/div><\/div><\/div>\n<div class=\"col-md-12 col-sm-12 col-xs-12 pt-cv-content-item pt-cv-1-col\" ><div class='pt-cv-ifield'><a href=\"https:\/\/www.dmsjuridica.com\/buscador_20179478954\/corteconstitucionalcronologico202454587\/c-467-23\/\" class=\"_self pt-cv-href-thumbnail pt-cv-thumb-default\" target=\"_self\" ><\/a>\n<div class=\"pt-cv-taxoterm above_title\"><a href='https:\/\/www.dmsjuridica.com\/buscador_20179478954\/corteconstitucionalcronologico202454587\/category\/buscar-en-toda-la-corte\/2023\/sentencias-2023\/' title='Sentencias 2023' class='pt-cv-tax-sentencias-2023'>Sentencias 2023<\/a><\/div>\n<h4 class=\"pt-cv-title\"><a href=\"https:\/\/www.dmsjuridica.com\/buscador_20179478954\/corteconstitucionalcronologico202454587\/c-467-23\/\" class=\"_self\" target=\"_self\" >C-467-23<\/a><\/h4>\n<div class=\"pt-cv-content\">C-467 de 2023 Expediente RE-355 M.P. Jorge Enrique Ib\u00e1\u00f1ez Najar REP\u00daBLICA DE COLOMBIA CORTE CONSTITUCIONAL Sala Plena SENTENCIA C-467 DE 2023 Expediente: RE-355 Control de constitucionalidad del Decreto Legislativo 1273 del 31 de julio de 2023 \u201cPor el cual se adoptan medidas en materia de agricultura y desarrollo rural, en el marco del Estado de Emergencia Econ\u00f3mica, Social y Ecol\u00f3gica declarado en el Departamento de la Guajira\" Magistrado ponente: Jorge Enrique Ib\u00e1\u00f1ez Najar Bogot\u00e1, D. C., ocho (08) de noviembre de dos mil veintitr\u00e9s (2023). La Sala Plena de la Corte Constitucional, en ejercicio de sus competencias constitucionales y legales, ...<br \/><div class=\"pt-cv-rmwrap\"><a href=\"https:\/\/www.dmsjuridica.com\/buscador_20179478954\/corteconstitucionalcronologico202454587\/c-467-23\/\" class=\"_self pt-cv-readmore btn btn-success\" target=\"_self\">Ver Sentencia Completa...<\/a><\/div><\/div><\/div><\/div>\n<div class=\"col-md-12 col-sm-12 col-xs-12 pt-cv-content-item pt-cv-1-col\" ><div class='pt-cv-ifield'><a href=\"https:\/\/www.dmsjuridica.com\/buscador_20179478954\/corteconstitucionalcronologico202454587\/c-464-23\/\" class=\"_self pt-cv-href-thumbnail pt-cv-thumb-default\" target=\"_self\" ><\/a>\n<div class=\"pt-cv-taxoterm above_title\"><a href='https:\/\/www.dmsjuridica.com\/buscador_20179478954\/corteconstitucionalcronologico202454587\/category\/buscar-en-toda-la-corte\/2023\/sentencias-2023\/' title='Sentencias 2023' class='pt-cv-tax-sentencias-2023'>Sentencias 2023<\/a><\/div>\n<h4 class=\"pt-cv-title\"><a href=\"https:\/\/www.dmsjuridica.com\/buscador_20179478954\/corteconstitucionalcronologico202454587\/c-464-23\/\" class=\"_self\" target=\"_self\" >C-464-23<\/a><\/h4>\n<div class=\"pt-cv-content\">Expediente RE-348\u00a0 \u00a0 \u00a0 \u00a0 \u00a0 \u00a0 \u00a0 \u00a0 \u00a0 P\u00e1gina \u00a0de\u00a0 REP\u00daBLICA DE COLOMBIA CORTE CONSTITUCIONAL Sala Plena SENTENCIA C-464 DE 2023 Referencia: expediente RE-348 Revisi\u00f3n de constitucionalidad del Decreto Legislativo 1250 de 26 de julio de 2023, \u201cpor el cual se adoptan medidas en materia de agua y saneamiento b\u00e1sico, en el marco del estado de emergencia econ\u00f3mica, social y ecol\u00f3gica declarado en el departamento de La Guajira\u201d Magistrado ponente: Jos\u00e9 Fernando Reyes Cuartas Bogot\u00e1 D.C., dos (02) de noviembre de dos mil veintitr\u00e9s (2023). En ejercicio de sus competencias constitucionales, en especial las establecidas en los art\u00edculos ...<br \/><div class=\"pt-cv-rmwrap\"><a href=\"https:\/\/www.dmsjuridica.com\/buscador_20179478954\/corteconstitucionalcronologico202454587\/c-464-23\/\" class=\"_self pt-cv-readmore btn btn-success\" target=\"_self\">Ver Sentencia Completa...<\/a><\/div><\/div><\/div><\/div>\n<div class=\"col-md-12 col-sm-12 col-xs-12 pt-cv-content-item pt-cv-1-col\" ><div class='pt-cv-ifield'><a href=\"https:\/\/www.dmsjuridica.com\/buscador_20179478954\/corteconstitucionalcronologico202454587\/c-463-23\/\" class=\"_self pt-cv-href-thumbnail pt-cv-thumb-default\" target=\"_self\" ><\/a>\n<div class=\"pt-cv-taxoterm above_title\"><a href='https:\/\/www.dmsjuridica.com\/buscador_20179478954\/corteconstitucionalcronologico202454587\/category\/buscar-en-toda-la-corte\/2023\/sentencias-2023\/' title='Sentencias 2023' class='pt-cv-tax-sentencias-2023'>Sentencias 2023<\/a><\/div>\n<h4 class=\"pt-cv-title\"><a href=\"https:\/\/www.dmsjuridica.com\/buscador_20179478954\/corteconstitucionalcronologico202454587\/c-463-23\/\" class=\"_self\" target=\"_self\" >C-463-23<\/a><\/h4>\n<div class=\"pt-cv-content\">REP\u00daBLICA DE COLOMBIA SENTENCIA C-463 DE 2023 Referencia: Expediente RE-358. Control de constitucionalidad del Decreto Legislativo 1276 del 31 de julio de 2023, \u201cPor el cual se adoptan medidas para ampliar el acceso al servicio de energ\u00eda el\u00e9ctrica y preservar los medios de subsistencia de la poblaci\u00f3n a trav\u00e9s del rescate de la transici\u00f3n energ\u00e9tica, con la finalidad de superar la crisis humanitaria y el estado de cosas inconstitucionales o evitar la extensi\u00f3n de sus efectos, en el marco del Estado de Emergencia Econ\u00f3mica, Social y Ecol\u00f3gica declarado en el departamento de La Guajira\". Magistrado ponente: Jorge Enrique Ib\u00e1\u00f1ez Najar ...<br \/><div class=\"pt-cv-rmwrap\"><a href=\"https:\/\/www.dmsjuridica.com\/buscador_20179478954\/corteconstitucionalcronologico202454587\/c-463-23\/\" class=\"_self pt-cv-readmore btn btn-success\" target=\"_self\">Ver Sentencia Completa...<\/a><\/div><\/div><\/div><\/div>\n<div class=\"col-md-12 col-sm-12 col-xs-12 pt-cv-content-item pt-cv-1-col\" ><div class='pt-cv-ifield'><a href=\"https:\/\/www.dmsjuridica.com\/buscador_20179478954\/corteconstitucionalcronologico202454587\/c-462-23\/\" class=\"_self pt-cv-href-thumbnail pt-cv-thumb-default\" target=\"_self\" ><\/a>\n<div class=\"pt-cv-taxoterm above_title\"><a href='https:\/\/www.dmsjuridica.com\/buscador_20179478954\/corteconstitucionalcronologico202454587\/category\/buscar-en-toda-la-corte\/2023\/sentencias-2023\/' title='Sentencias 2023' class='pt-cv-tax-sentencias-2023'>Sentencias 2023<\/a><\/div>\n<h4 class=\"pt-cv-title\"><a href=\"https:\/\/www.dmsjuridica.com\/buscador_20179478954\/corteconstitucionalcronologico202454587\/c-462-23\/\" class=\"_self\" target=\"_self\" >C-462-23<\/a><\/h4>\n<div class=\"pt-cv-content\">\u00a0 \u00a0 ESTATUTO GENERAL DE CONTRATACI\u00d3N DE LA ADMINISTRACI\u00d3N P\u00daBLICA-Destinatarios de inhabilidades incluye a familiares en segundo grado de parentesco civil \u00a0 \u00a0\u00a0 Las expresiones demandadas de los literales g) y h) del art\u00edculo 8 de la Ley 80 de 1993, al excluir de sus consecuencias jur\u00eddicas a los familiares por parentesco civil, crean una situaci\u00f3n discriminatoria por raz\u00f3n del origen familiar y, por lo tanto, son inconstitucionales. De este modo, y teniendo en cuenta que debe existir un tratamiento jur\u00eddico paritario entre los familiares por parentesco de consanguinidad o de afinidad y los familiares por parentesco civil, se adoptar\u00e1 ...<br \/><div class=\"pt-cv-rmwrap\"><a href=\"https:\/\/www.dmsjuridica.com\/buscador_20179478954\/corteconstitucionalcronologico202454587\/c-462-23\/\" class=\"_self pt-cv-readmore btn btn-success\" target=\"_self\">Ver Sentencia Completa...<\/a><\/div><\/div><\/div><\/div>\n<div class=\"col-md-12 col-sm-12 col-xs-12 pt-cv-content-item pt-cv-1-col\" ><div class='pt-cv-ifield'><a href=\"https:\/\/www.dmsjuridica.com\/buscador_20179478954\/corteconstitucionalcronologico202454587\/c-461-23\/\" class=\"_self pt-cv-href-thumbnail pt-cv-thumb-default\" target=\"_self\" ><\/a>\n<div class=\"pt-cv-taxoterm above_title\"><a href='https:\/\/www.dmsjuridica.com\/buscador_20179478954\/corteconstitucionalcronologico202454587\/category\/buscar-en-toda-la-corte\/2023\/sentencias-2023\/' title='Sentencias 2023' class='pt-cv-tax-sentencias-2023'>Sentencias 2023<\/a><\/div>\n<h4 class=\"pt-cv-title\"><a href=\"https:\/\/www.dmsjuridica.com\/buscador_20179478954\/corteconstitucionalcronologico202454587\/c-461-23\/\" class=\"_self\" target=\"_self\" >C-461-23<\/a><\/h4>\n<div class=\"pt-cv-content\">\u00a0 \u00a0 COSA JUZGADA CONSTITUCIONAL-Inexistencia por contenidos normativos diferentes \u00a0 \u00a0\u00a0 SANCI\u00d3N DISCIPLINARIA-Diferencia entre la amonestaci\u00f3n escrita con anotaci\u00f3n en la hoja de vida por la comisi\u00f3n de faltas leves y el llamado de atenci\u00f3n para la preservaci\u00f3n del orden interno \u00a0 \u00a0\u00a0 La diferencia entre la amonestaci\u00f3n escrita con anotaci\u00f3n en la hoja de vida (por la comisi\u00f3n de faltas leves) del llamado de atenci\u00f3n para la preservaci\u00f3n del orden interno (ante la ocurrencia de hechos que contrar\u00eden en menor grado el orden administrativo), con miras a garantizar la proporcionalidad en la imposici\u00f3n de la sanci\u00f3n que evidencian que ...<br \/><div class=\"pt-cv-rmwrap\"><a href=\"https:\/\/www.dmsjuridica.com\/buscador_20179478954\/corteconstitucionalcronologico202454587\/c-461-23\/\" class=\"_self pt-cv-readmore btn btn-success\" target=\"_self\">Ver Sentencia Completa...<\/a><\/div><\/div><\/div><\/div>\n<div class=\"col-md-12 col-sm-12 col-xs-12 pt-cv-content-item pt-cv-1-col\" ><div class='pt-cv-ifield'><a href=\"https:\/\/www.dmsjuridica.com\/buscador_20179478954\/corteconstitucionalcronologico202454587\/c-459-23\/\" class=\"_self pt-cv-href-thumbnail pt-cv-thumb-default\" target=\"_self\" ><\/a>\n<div class=\"pt-cv-taxoterm above_title\"><a href='https:\/\/www.dmsjuridica.com\/buscador_20179478954\/corteconstitucionalcronologico202454587\/category\/buscar-en-toda-la-corte\/2023\/sentencias-2023\/' title='Sentencias 2023' class='pt-cv-tax-sentencias-2023'>Sentencias 2023<\/a><\/div>\n<h4 class=\"pt-cv-title\"><a href=\"https:\/\/www.dmsjuridica.com\/buscador_20179478954\/corteconstitucionalcronologico202454587\/c-459-23\/\" class=\"_self\" target=\"_self\" >C-459-23<\/a><\/h4>\n<div class=\"pt-cv-content\">\u00a0\u00a0 (\u2026) la Corte consider\u00f3 necesario (i) declarar la inexequibilidad de la Ley 2274 de 2022, aprobatoria del \u201cConvenio Marco de Cooperaci\u00f3n entre la Rep\u00fablica de Colombia y el Reino de Espa\u00f1a\u201d y, (ii) exhortar al Gobierno nacional a radicar, lo m\u00e1s pronto posible, el proyecto de ley aprobatorio del Convenio ante el Congreso de la Rep\u00fablica, incorporando el respectivo an\u00e1lisis del impacto fiscal, en consideraci\u00f3n a la importancia de la cooperaci\u00f3n entre el Reino de Espa\u00f1a y la Republica de Colombia. Se evidenci\u00f3 que, ni al presentar el proyecto de ley que dio origen a la Ley 2274 de ...<br \/><div class=\"pt-cv-rmwrap\"><a href=\"https:\/\/www.dmsjuridica.com\/buscador_20179478954\/corteconstitucionalcronologico202454587\/c-459-23\/\" class=\"_self pt-cv-readmore btn btn-success\" target=\"_self\">Ver Sentencia Completa...<\/a><\/div><\/div><\/div><\/div>\n<div class=\"col-md-12 col-sm-12 col-xs-12 pt-cv-content-item pt-cv-1-col\" ><div class='pt-cv-ifield'><a href=\"https:\/\/www.dmsjuridica.com\/buscador_20179478954\/corteconstitucionalcronologico202454587\/c-458-23\/\" class=\"_self pt-cv-href-thumbnail pt-cv-thumb-default\" target=\"_self\" ><\/a>\n<div class=\"pt-cv-taxoterm above_title\"><a href='https:\/\/www.dmsjuridica.com\/buscador_20179478954\/corteconstitucionalcronologico202454587\/category\/buscar-en-toda-la-corte\/2023\/sentencias-2023\/' title='Sentencias 2023' class='pt-cv-tax-sentencias-2023'>Sentencias 2023<\/a><\/div>\n<h4 class=\"pt-cv-title\"><a href=\"https:\/\/www.dmsjuridica.com\/buscador_20179478954\/corteconstitucionalcronologico202454587\/c-458-23\/\" class=\"_self\" target=\"_self\" >C-458-23<\/a><\/h4>\n<div class=\"pt-cv-content\">\u00a0\u00a0 \u00a0\u00a0 COSA JUZGADA CONSTITUCIONAL ABSOLUTA-Configuraci\u00f3n por declaratoria de inexequibilidad \u00a0 \u00a0\u00a0 Se configur\u00f3 el fen\u00f3meno de la cosa juzgada absoluta en relaci\u00f3n con la Sentencia C-391 de 2023, respecto del art\u00edculo 95 de la Ley 2277 de 2022, por lo que se declarar\u00e1 estarse a lo resuelto en dicha providencia. Es relevante se\u00f1alar que el art\u00edculo 95 de la Ley 2277 de 2022 podr\u00eda ser reproducido por el legislador a pesar de haber sido declarado inexequible. Esta situaci\u00f3n se debe a que la decisi\u00f3n se fundament\u00f3 en vicios de forma, lo que habilita su reproducci\u00f3n si el Congreso lo ...<br \/><div class=\"pt-cv-rmwrap\"><a href=\"https:\/\/www.dmsjuridica.com\/buscador_20179478954\/corteconstitucionalcronologico202454587\/c-458-23\/\" class=\"_self pt-cv-readmore btn btn-success\" target=\"_self\">Ver Sentencia Completa...<\/a><\/div><\/div><\/div><\/div>\n<div class=\"col-md-12 col-sm-12 col-xs-12 pt-cv-content-item pt-cv-1-col\" ><div class='pt-cv-ifield'><a href=\"https:\/\/www.dmsjuridica.com\/buscador_20179478954\/corteconstitucionalcronologico202454587\/c-443-23\/\" class=\"_self pt-cv-href-thumbnail pt-cv-thumb-default\" target=\"_self\" ><\/a>\n<div class=\"pt-cv-taxoterm above_title\"><a href='https:\/\/www.dmsjuridica.com\/buscador_20179478954\/corteconstitucionalcronologico202454587\/category\/buscar-en-toda-la-corte\/2023\/sentencias-2023\/' title='Sentencias 2023' class='pt-cv-tax-sentencias-2023'>Sentencias 2023<\/a><\/div>\n<h4 class=\"pt-cv-title\"><a href=\"https:\/\/www.dmsjuridica.com\/buscador_20179478954\/corteconstitucionalcronologico202454587\/c-443-23\/\" class=\"_self\" target=\"_self\" >C-443-23<\/a><\/h4>\n<div class=\"pt-cv-content\">TEMAS-SUBTEMAS Sentencia C-443\/23 DECRETO LEGISLATIVO EN DESARROLLO DE ESTADO DE EMERGENCIA ECON\u00d3MICA, SOCIAL Y ECOL\u00d3GICA EN EL DEPARTAMENTO DE LA GUAJIRA-Inexequibilidad por consecuencia INCONSTITUCIONALIDAD POR CONSECUENCIA-Concepto La inconstitucionalidad por consecuencia en los estados de excepci\u00f3n es una figura jur\u00eddica utilizada por la Corte Constitucional en aquellos casos en los que el decreto matriz, esto es, el que declara el estado de emergencia econ\u00f3mica, social y ecol\u00f3gica, de conmoci\u00f3n interior o guerrera exterior no supera el examen de constitucionalidad y, por ende, es declarado inexequible. En la sentencia C-488 de 1995, esta corporaci\u00f3n la defini\u00f3 como \u201cel decaimiento de los decretos ...<br \/><div class=\"pt-cv-rmwrap\"><a href=\"https:\/\/www.dmsjuridica.com\/buscador_20179478954\/corteconstitucionalcronologico202454587\/c-443-23\/\" class=\"_self pt-cv-readmore btn btn-success\" target=\"_self\">Ver Sentencia Completa...<\/a><\/div><\/div><\/div><\/div>\n<div class=\"col-md-12 col-sm-12 col-xs-12 pt-cv-content-item pt-cv-1-col\" ><div class='pt-cv-ifield'><a href=\"https:\/\/www.dmsjuridica.com\/buscador_20179478954\/corteconstitucionalcronologico202454587\/c-442-23\/\" class=\"_self pt-cv-href-thumbnail pt-cv-thumb-default\" target=\"_self\" ><\/a>\n<div class=\"pt-cv-taxoterm above_title\"><a href='https:\/\/www.dmsjuridica.com\/buscador_20179478954\/corteconstitucionalcronologico202454587\/category\/buscar-en-toda-la-corte\/2023\/sentencias-2023\/' title='Sentencias 2023' class='pt-cv-tax-sentencias-2023'>Sentencias 2023<\/a><\/div>\n<h4 class=\"pt-cv-title\"><a href=\"https:\/\/www.dmsjuridica.com\/buscador_20179478954\/corteconstitucionalcronologico202454587\/c-442-23\/\" class=\"_self\" target=\"_self\" >C-442-23<\/a><\/h4>\n<div class=\"pt-cv-content\">TEMAS-SUBTEMAS Sentencia C-442\/23 DECRETO LEGISLATIVO EN DESARROLLO DE ESTADO DE EMERGENCIA ECON\u00d3MICA, SOCIAL Y ECOL\u00d3GICA EN EL DEPARTAMENTO DE LA GUAJIRA-Inexequibilidad por consecuencia INCONSTITUCIONALIDAD POR CONSECUENCIA-Concepto La inconstitucionalidad por consecuencia es una modalidad de efecto en la validez de las disposiciones jur\u00eddicas que la jurisprudencia ha aplicado, esencialmente, respecto de los decretos legislativos adoptados en los estados de excepci\u00f3n. Esta situaci\u00f3n tiene lugar cuando se declara la inexequibilidad del decreto declaratorio, circunstancia que, de suyo, genera la inexequibilidad de los decretos legislativos de desarrollo adoptados bajo su amparo. INCONSTITUCIONALIDAD POR CONSECUENCIA-Configuraci\u00f3n INCONSTITUCIONALIDAD POR CONSECUENCIA DE DECRETO LEGISLATIVO DE ESTADO DE ...<br \/><div class=\"pt-cv-rmwrap\"><a href=\"https:\/\/www.dmsjuridica.com\/buscador_20179478954\/corteconstitucionalcronologico202454587\/c-442-23\/\" class=\"_self pt-cv-readmore btn btn-success\" target=\"_self\">Ver Sentencia Completa...<\/a><\/div><\/div><\/div><\/div>\n<div class=\"col-md-12 col-sm-12 col-xs-12 pt-cv-content-item pt-cv-1-col\" ><div class='pt-cv-ifield'><a href=\"https:\/\/www.dmsjuridica.com\/buscador_20179478954\/corteconstitucionalcronologico202454587\/c-441-23\/\" class=\"_self pt-cv-href-thumbnail pt-cv-thumb-default\" target=\"_self\" ><\/a>\n<div class=\"pt-cv-taxoterm above_title\"><a href='https:\/\/www.dmsjuridica.com\/buscador_20179478954\/corteconstitucionalcronologico202454587\/category\/buscar-en-toda-la-corte\/2023\/sentencias-2023\/' title='Sentencias 2023' class='pt-cv-tax-sentencias-2023'>Sentencias 2023<\/a><\/div>\n<h4 class=\"pt-cv-title\"><a href=\"https:\/\/www.dmsjuridica.com\/buscador_20179478954\/corteconstitucionalcronologico202454587\/c-441-23\/\" class=\"_self\" target=\"_self\" >C-441-23<\/a><\/h4>\n<div class=\"pt-cv-content\">TEMAS-SUBTEMAS Sentencia C-441\/23 DECRETO LEGISLATIVO EN DESARROLLO DE ESTADO DE EMERGENCIA ECON\u00d3MICA, SOCIAL Y ECOL\u00d3GICA EN EL DEPARTAMENTO DE LA GUAJIRA-Inexequibilidad por consecuencia La inconstitucionalidad por consecuencia es una modalidad de efecto en la validez de las disposiciones jur\u00eddicas que la jurisprudencia ha aplicado, esencialmente, respecto de los decretos legislativos adoptados en los estados de excepci\u00f3n. Esta situaci\u00f3n tiene lugar cuando se declara la inexequibilidad del decreto declaratorio, circunstancia que, de suyo, genera la inexequibilidad de los decretos legislativos de desarrollo adoptados bajo su amparo. INCONSTITUCIONALIDAD POR CONSECUENCIA-Configuraci\u00f3n INCONSTITUCIONALIDAD POR CONSECUENCIA DE DECRETO LEGISLATIVO DE ESTADO DE EMERGENCIA SOCIAL-Improcedencia de ...<br \/><div class=\"pt-cv-rmwrap\"><a href=\"https:\/\/www.dmsjuridica.com\/buscador_20179478954\/corteconstitucionalcronologico202454587\/c-441-23\/\" class=\"_self pt-cv-readmore btn btn-success\" target=\"_self\">Ver Sentencia Completa...<\/a><\/div><\/div><\/div><\/div>\n<div class=\"col-md-12 col-sm-12 col-xs-12 pt-cv-content-item pt-cv-1-col\" ><div class='pt-cv-ifield'><a href=\"https:\/\/www.dmsjuridica.com\/buscador_20179478954\/corteconstitucionalcronologico202454587\/c-440-23\/\" class=\"_self pt-cv-href-thumbnail pt-cv-thumb-default\" target=\"_self\" ><\/a>\n<div class=\"pt-cv-taxoterm above_title\"><a href='https:\/\/www.dmsjuridica.com\/buscador_20179478954\/corteconstitucionalcronologico202454587\/category\/buscar-en-toda-la-corte\/2023\/sentencias-2023\/' title='Sentencias 2023' class='pt-cv-tax-sentencias-2023'>Sentencias 2023<\/a><\/div>\n<h4 class=\"pt-cv-title\"><a href=\"https:\/\/www.dmsjuridica.com\/buscador_20179478954\/corteconstitucionalcronologico202454587\/c-440-23\/\" class=\"_self\" target=\"_self\" >C-440-23<\/a><\/h4>\n<div class=\"pt-cv-content\">TEMAS-SUBTEMAS Sentencia C-440\/23 DECRETO LEGISLATIVO EN DESARROLLO DE ESTADO DE EMERGENCIA ECON\u00d3MICA, SOCIAL Y ECOL\u00d3GICA EN EL DEPARTAMENTO DE LA GUAJIRA-Inexequibilidad por consecuencia INCONSTITUCIONALIDAD POR CONSECUENCIA-Concepto La inexequibilidad por consecuencia es el fen\u00f3meno que afecta los decretos de desarrollo de un estado de emergencia por la desaparici\u00f3n sobreviniente de la norma que otorgaba al ejecutivo las facultades extraordinarias para emitirlos. Su decaimiento se presenta debido a que pierden su causa jur\u00eddica y validez, pues el presidente queda desprovisto de la competencia para dictar normas con fuerza de ley. INCONSTITUCIONALIDAD POR CONSECUENCIA-Configuraci\u00f3n SENTENCIA DE INEXEQUIBILIDAD POR CONSECUENCIA-Improcedencia de la modulaci\u00f3n de ...<br \/><div class=\"pt-cv-rmwrap\"><a href=\"https:\/\/www.dmsjuridica.com\/buscador_20179478954\/corteconstitucionalcronologico202454587\/c-440-23\/\" class=\"_self pt-cv-readmore btn btn-success\" target=\"_self\">Ver Sentencia Completa...<\/a><\/div><\/div><\/div><\/div>\n<div class=\"col-md-12 col-sm-12 col-xs-12 pt-cv-content-item pt-cv-1-col\" ><div class='pt-cv-ifield'><a href=\"https:\/\/www.dmsjuridica.com\/buscador_20179478954\/corteconstitucionalcronologico202454587\/c-439-23\/\" class=\"_self pt-cv-href-thumbnail pt-cv-thumb-default\" target=\"_self\" ><\/a>\n<div class=\"pt-cv-taxoterm above_title\"><a href='https:\/\/www.dmsjuridica.com\/buscador_20179478954\/corteconstitucionalcronologico202454587\/category\/buscar-en-toda-la-corte\/2023\/sentencias-2023\/' title='Sentencias 2023' class='pt-cv-tax-sentencias-2023'>Sentencias 2023<\/a><\/div>\n<h4 class=\"pt-cv-title\"><a href=\"https:\/\/www.dmsjuridica.com\/buscador_20179478954\/corteconstitucionalcronologico202454587\/c-439-23\/\" class=\"_self\" target=\"_self\" >C-439-23<\/a><\/h4>\n<div class=\"pt-cv-content\">Expediente RE-352 P\u00e1gina \u00a0de\u00a0 REP\u00daBLICA DE COLOMBIA CORTE CONSTITUCIONAL Sala Plena SENTENCIA C-439 DE 2023 Referencia: expediente RE-352 Asunto: control de constitucionalidad del Decreto Legislativo 1270 de 2023 Magistrado Sustanciador: ANTONIO JOS\u00c9 LIZARAZO OCAMPO Bogot\u00e1 D.C., veintis\u00e9is (26) de octubre de dos mil veintitr\u00e9s (2023) La Sala Plena de la Corte Constitucional, con fundamento en los art\u00edculos 215 y 241.7 de la Constituci\u00f3n y cumplidos los tr\u00e1mites previstos en la Ley 137 de 1994 y el Decreto 2067 de 1991, decide sobre la constitucionalidad del Decreto Legislativo 1270 de 2023, \u201c[p]or el cual se adoptan medidas en materia de salud ...<br \/><div class=\"pt-cv-rmwrap\"><a href=\"https:\/\/www.dmsjuridica.com\/buscador_20179478954\/corteconstitucionalcronologico202454587\/c-439-23\/\" class=\"_self pt-cv-readmore btn btn-success\" target=\"_self\">Ver Sentencia Completa...<\/a><\/div><\/div><\/div><\/div>\n<div class=\"col-md-12 col-sm-12 col-xs-12 pt-cv-content-item pt-cv-1-col\" ><div class='pt-cv-ifield'><a href=\"https:\/\/www.dmsjuridica.com\/buscador_20179478954\/corteconstitucionalcronologico202454587\/c-437-23\/\" class=\"_self pt-cv-href-thumbnail pt-cv-thumb-default\" target=\"_self\" ><\/a>\n<div class=\"pt-cv-taxoterm above_title\"><a href='https:\/\/www.dmsjuridica.com\/buscador_20179478954\/corteconstitucionalcronologico202454587\/category\/buscar-en-toda-la-corte\/2023\/sentencias-2023\/' title='Sentencias 2023' class='pt-cv-tax-sentencias-2023'>Sentencias 2023<\/a><\/div>\n<h4 class=\"pt-cv-title\"><a href=\"https:\/\/www.dmsjuridica.com\/buscador_20179478954\/corteconstitucionalcronologico202454587\/c-437-23\/\" class=\"_self\" target=\"_self\" >C-437-23<\/a><\/h4>\n<div class=\"pt-cv-content\">REP\u00daBLICA DE COLOMBIA CORTE CONSTITUCIONAL Sala Plena SENTENCIA C-437 DE 2023 Referencia: Expediente D-15082 Demanda de inconstitucionalidad en contra del art\u00edculo 2\u00ba de la Ley 2014 de 2019 (parcial), que modific\u00f3 el literal j) del art\u00edculo 8.1 de la Ley 80 de 1993 Magistrada ponente: PAOLA ANDREA MENESES MOSQUERA Bogot\u00e1, D.C., veinticinco (25) de octubre de dos mil veintitr\u00e9s (2023) La Sala Plena de la Corte Constitucional, en cumplimiento de sus atribuciones constitucionales y de los requisitos y tr\u00e1mites establecidos en el Decreto 2067 de 1991, profiere la siguiente SENTENCIA I. I. \u00a0ANTECEDENTES 1. 1. \u00a0Tr\u00e1mite procesal 1. 1. \u00a0El ...<br \/><div class=\"pt-cv-rmwrap\"><a href=\"https:\/\/www.dmsjuridica.com\/buscador_20179478954\/corteconstitucionalcronologico202454587\/c-437-23\/\" class=\"_self pt-cv-readmore btn btn-success\" target=\"_self\">Ver Sentencia Completa...<\/a><\/div><\/div><\/div><\/div>\n<div class=\"col-md-12 col-sm-12 col-xs-12 pt-cv-content-item pt-cv-1-col\" ><div class='pt-cv-ifield'><a href=\"https:\/\/www.dmsjuridica.com\/buscador_20179478954\/corteconstitucionalcronologico202454587\/c-436-23\/\" class=\"_self pt-cv-href-thumbnail pt-cv-thumb-default\" target=\"_self\" ><\/a>\n<div class=\"pt-cv-taxoterm above_title\"><a href='https:\/\/www.dmsjuridica.com\/buscador_20179478954\/corteconstitucionalcronologico202454587\/category\/buscar-en-toda-la-corte\/2023\/sentencias-2023\/' title='Sentencias 2023' class='pt-cv-tax-sentencias-2023'>Sentencias 2023<\/a><\/div>\n<h4 class=\"pt-cv-title\"><a href=\"https:\/\/www.dmsjuridica.com\/buscador_20179478954\/corteconstitucionalcronologico202454587\/c-436-23\/\" class=\"_self\" target=\"_self\" >C-436-23<\/a><\/h4>\n<div class=\"pt-cv-content\">TEMAS-SUBTEMAS Sentencia C-436\/23 CONCEPTO DE VIOLACION EN DEMANDA DE INCONSTITUCIONALIDAD-Razones claras, ciertas, espec\u00edficas, pertinentes y suficientes INHIBICION DE LA CORTE CONSTITUCIONAL-Incumplimiento de requisitos exigidos en cargo por violaci\u00f3n al principio de reserva de ley INHIBICION DE LA CORTE CONSTITUCIONAL POR INEPTITUD SUSTANTIVA DE LA DEMANDA-Incumplimiento de requisitos de claridad, certeza, especificidad y suficiencia INHIBICION DE LA CORTE CONSTITUCIONAL POR INEPTITUD SUSTANTIVA DE LA DEMANDA-Cargos se estructuran a partir de una interpretaci\u00f3n subjetiva del precepto demandado y no guardan relaci\u00f3n con su contenido REP\u00daBLICA DE COLOMBIA CORTE CONSTITUCIONAL Sala Plena SENTENCIA C-436 de 2023 Referencia: Expediente D-15153. Demanda de inconstitucionalidad contra ...<br \/><div class=\"pt-cv-rmwrap\"><a href=\"https:\/\/www.dmsjuridica.com\/buscador_20179478954\/corteconstitucionalcronologico202454587\/c-436-23\/\" class=\"_self pt-cv-readmore btn btn-success\" target=\"_self\">Ver Sentencia Completa...<\/a><\/div><\/div><\/div><\/div>\n<div class=\"col-md-12 col-sm-12 col-xs-12 pt-cv-content-item pt-cv-1-col\" ><div class='pt-cv-ifield'><a href=\"https:\/\/www.dmsjuridica.com\/buscador_20179478954\/corteconstitucionalcronologico202454587\/c-435-23\/\" class=\"_self pt-cv-href-thumbnail pt-cv-thumb-default\" target=\"_self\" ><\/a>\n<div class=\"pt-cv-taxoterm above_title\"><a href='https:\/\/www.dmsjuridica.com\/buscador_20179478954\/corteconstitucionalcronologico202454587\/category\/buscar-en-toda-la-corte\/2023\/sentencias-2023\/' title='Sentencias 2023' class='pt-cv-tax-sentencias-2023'>Sentencias 2023<\/a><\/div>\n<h4 class=\"pt-cv-title\"><a href=\"https:\/\/www.dmsjuridica.com\/buscador_20179478954\/corteconstitucionalcronologico202454587\/c-435-23\/\" class=\"_self\" target=\"_self\" >C-435-23<\/a><\/h4>\n<div class=\"pt-cv-content\">Expedientes D-15129 y D-15137 AC\u00a0 P\u00e1gina \u00a0de \u00a0 \u00a0 \u00a0 \u00a0 \u00a0 \u00a0 \u00a0 \u00a0 \u00a0 \u00a0 \u00a0 \u00a0 \u00a0 \u00a0 \u00a0 \u00a0 \u00a0 \u00a0 \u00a0 \u00a0 REP\u00daBLICA DE COLOMBIA CORTE CONSTITUCIONAL Sala Plena SENTENCIA C-435 DE 2023 Referencia: Expedientes D-15129 y D-15137 AC Demandas de inconstitucionalidad contra el art\u00edculo 54, parcialmente la primera, y contra su integridad, la segunda, de la Ley 2277 de 2022, \u201c[p]or medio de la cual se adopta una reforma tributaria para la igualdad y la justicia social y se dictan otras disposiciones\u201d Demandantes: Juan Manuel Charry Urue\u00f1a y Miryam Elfriede Anaya S\u00e1nchez, respectivamente Magistrado ...<br \/><div class=\"pt-cv-rmwrap\"><a href=\"https:\/\/www.dmsjuridica.com\/buscador_20179478954\/corteconstitucionalcronologico202454587\/c-435-23\/\" class=\"_self pt-cv-readmore btn btn-success\" target=\"_self\">Ver Sentencia Completa...<\/a><\/div><\/div><\/div><\/div>\n<div class=\"col-md-12 col-sm-12 col-xs-12 pt-cv-content-item pt-cv-1-col\" ><div class='pt-cv-ifield'><a href=\"https:\/\/www.dmsjuridica.com\/buscador_20179478954\/corteconstitucionalcronologico202454587\/c-427-23\/\" class=\"_self pt-cv-href-thumbnail pt-cv-thumb-default\" target=\"_self\" ><\/a>\n<div class=\"pt-cv-taxoterm above_title\"><a href='https:\/\/www.dmsjuridica.com\/buscador_20179478954\/corteconstitucionalcronologico202454587\/category\/buscar-en-toda-la-corte\/2023\/sentencias-2023\/' title='Sentencias 2023' class='pt-cv-tax-sentencias-2023'>Sentencias 2023<\/a><\/div>\n<h4 class=\"pt-cv-title\"><a href=\"https:\/\/www.dmsjuridica.com\/buscador_20179478954\/corteconstitucionalcronologico202454587\/c-427-23\/\" class=\"_self\" target=\"_self\" >C-427-23<\/a><\/h4>\n<div class=\"pt-cv-content\">MP Cristina Pardo Schlesinger REP\u00daBLICA DE COLOMBIA CORTE CONSTITUCIONAL Sala Plena SENTENCIA C\u2013427 DE 2023 Referencia: Expediente D-14.975. Demanda de inconstitucionalidad contra el numeral 4 (parcial) del art\u00edculo 85 del Decreto Ley 262 de 2000 \u201cpor el cual se modifican la estructura y la organizaci\u00f3n de la Procuradur\u00eda General de la Naci\u00f3n y del Instituto de Estudios del Ministerio P\u00fablico; el r\u00e9gimen de competencias interno de la Procuradur\u00eda General; se dictan normas para su funcionamiento; se modifica el r\u00e9gimen de carrera de la Procuradur\u00eda General de la Naci\u00f3n, el de inhabilidades e incompatibilidades de sus servidores y se regulan las ...<br \/><div class=\"pt-cv-rmwrap\"><a href=\"https:\/\/www.dmsjuridica.com\/buscador_20179478954\/corteconstitucionalcronologico202454587\/c-427-23\/\" class=\"_self pt-cv-readmore btn btn-success\" target=\"_self\">Ver Sentencia Completa...<\/a><\/div><\/div><\/div><\/div>\n<div class=\"col-md-12 col-sm-12 col-xs-12 pt-cv-content-item pt-cv-1-col\" ><div class='pt-cv-ifield'><a href=\"https:\/\/www.dmsjuridica.com\/buscador_20179478954\/corteconstitucionalcronologico202454587\/c-425-23\/\" class=\"_self pt-cv-href-thumbnail pt-cv-thumb-default\" target=\"_self\" ><\/a>\n<div class=\"pt-cv-taxoterm above_title\"><a href='https:\/\/www.dmsjuridica.com\/buscador_20179478954\/corteconstitucionalcronologico202454587\/category\/buscar-en-toda-la-corte\/2023\/sentencias-2023\/' title='Sentencias 2023' class='pt-cv-tax-sentencias-2023'>Sentencias 2023<\/a><\/div>\n<h4 class=\"pt-cv-title\"><a href=\"https:\/\/www.dmsjuridica.com\/buscador_20179478954\/corteconstitucionalcronologico202454587\/c-425-23\/\" class=\"_self\" target=\"_self\" >C-425-23<\/a><\/h4>\n<div class=\"pt-cv-content\">\u00a0 \u00a0 AN\u00c1LISIS DEL IMPACTO FISCAL EN TR\u00c1MITE LEGISLATIVO-Cumplimiento en norma que estableci\u00f3 un aporte anual de la Naci\u00f3n a la Regi\u00f3n Metropolitana Bogot\u00e1 Cundinamarca \u00a0 \u00a0\u00a0 La Sala Plena estima que la norma objeto de control no desconoci\u00f3 los art\u00edculos 151 y 334 de la Constituci\u00f3n. Lo anterior porque, en el curso del tr\u00e1mite legislativo, se observaron debidamente las normas org\u00e1nicas referentes al impacto fiscal de las leyes, se discuti\u00f3 el concepto del MHCP y hubo deliberaci\u00f3n efectiva tanto de medios como de resultados sobre las consecuencias econ\u00f3micas de la propuesta inicial de los congresistas. De hecho \u2013y a ...<br \/><div class=\"pt-cv-rmwrap\"><a href=\"https:\/\/www.dmsjuridica.com\/buscador_20179478954\/corteconstitucionalcronologico202454587\/c-425-23\/\" class=\"_self pt-cv-readmore btn btn-success\" target=\"_self\">Ver Sentencia Completa...<\/a><\/div><\/div><\/div><\/div>\n<div class=\"col-md-12 col-sm-12 col-xs-12 pt-cv-content-item pt-cv-1-col\" ><div class='pt-cv-ifield'><a href=\"https:\/\/www.dmsjuridica.com\/buscador_20179478954\/corteconstitucionalcronologico202454587\/c-424-23\/\" class=\"_self pt-cv-href-thumbnail pt-cv-thumb-default\" target=\"_self\" ><\/a>\n<div class=\"pt-cv-taxoterm above_title\"><a href='https:\/\/www.dmsjuridica.com\/buscador_20179478954\/corteconstitucionalcronologico202454587\/category\/buscar-en-toda-la-corte\/2023\/sentencias-2023\/' title='Sentencias 2023' class='pt-cv-tax-sentencias-2023'>Sentencias 2023<\/a><\/div>\n<h4 class=\"pt-cv-title\"><a href=\"https:\/\/www.dmsjuridica.com\/buscador_20179478954\/corteconstitucionalcronologico202454587\/c-424-23\/\" class=\"_self\" target=\"_self\" >C-424-23<\/a><\/h4>\n<div class=\"pt-cv-content\">TEMAS-SUBTEMAS Sentencia C-424\/23 LEY APROBATORIA DEL ACUERDO DE INCORPORACI\u00d3N DE SINGAPUR COMO ESTADO ASOCIADO A LA ALIANZA DEL PAC\u00cdFICO INTEGRADO POR CHILE, COLOMBIA, ESTADOS UNIDOS MEXICANOS Y PER\u00da-Inexequibilidad por incumplimiento del an\u00e1lisis de impacto fiscal La aprobaci\u00f3n del Acuerdo bajo estudio no cont\u00f3 con la ilustraci\u00f3n suficiente sobre sus implicaciones fiscales. Esto compromete la adecuada deliberaci\u00f3n sobre los alcances y los efectos en materia tributaria y fiscal en las distintas etapas que conforman el proceso de adopci\u00f3n de la ley aprobatoria. De manera que la Sala Plena concluye que la falta de an\u00e1lisis sobre el impacto fiscal de la extensi\u00f3n ...<br \/><div class=\"pt-cv-rmwrap\"><a href=\"https:\/\/www.dmsjuridica.com\/buscador_20179478954\/corteconstitucionalcronologico202454587\/c-424-23\/\" class=\"_self pt-cv-readmore btn btn-success\" target=\"_self\">Ver Sentencia Completa...<\/a><\/div><\/div><\/div><\/div>\n<div class=\"col-md-12 col-sm-12 col-xs-12 pt-cv-content-item pt-cv-1-col\" ><div class='pt-cv-ifield'><a href=\"https:\/\/www.dmsjuridica.com\/buscador_20179478954\/corteconstitucionalcronologico202454587\/c-423-23\/\" class=\"_self pt-cv-href-thumbnail pt-cv-thumb-default\" target=\"_self\" ><\/a>\n<div class=\"pt-cv-taxoterm above_title\"><a href='https:\/\/www.dmsjuridica.com\/buscador_20179478954\/corteconstitucionalcronologico202454587\/category\/buscar-en-toda-la-corte\/2023\/sentencias-2023\/' title='Sentencias 2023' class='pt-cv-tax-sentencias-2023'>Sentencias 2023<\/a><\/div>\n<h4 class=\"pt-cv-title\"><a href=\"https:\/\/www.dmsjuridica.com\/buscador_20179478954\/corteconstitucionalcronologico202454587\/c-423-23\/\" class=\"_self\" target=\"_self\" >C-423-23<\/a><\/h4>\n<div class=\"pt-cv-content\">\u00a0 \u00a0 DEMANDA DE INCONSTITUCIONALIDAD-Rechazo por estar en curso una igual y presentada por el mismo demandante \u00a0 ACCION PUBLICA DE INCONSTITUCIONALIDAD-Ejercicio simult\u00e1neo atenta contra principios de econom\u00eda y celeridad procesal \u00a0 \u00a0 \u00a0 DECISION INHIBITORIA PREVIA DE LA CORTE CONSTITUCIONAL-No impide que los textos acusados puedan ser nuevamente objeto de estudio a partir de una demanda que satisfaga cabalmente las exigencias de ley \u00a0 DEMANDA DE INCONSTITUCIONALIDAD-Requisitos de claridad, certeza, especificidad, pertinencia y suficiencia \u00a0 \u00a0\u00a0 DEMANDA DE INCONSTITUCIONALIDAD CONTRA C\u00d3DIGO DE LA INFANCIA Y LA ADOLESCENCIA-Inhibici\u00f3n por ineptitud sustantiva de la demanda \u00a0 \u00a0\u00a0 \u00a0\u00a0 \u00a0\u00a0 REP\u00daBLICA DE ...<br \/><div class=\"pt-cv-rmwrap\"><a href=\"https:\/\/www.dmsjuridica.com\/buscador_20179478954\/corteconstitucionalcronologico202454587\/c-423-23\/\" class=\"_self pt-cv-readmore btn btn-success\" target=\"_self\">Ver Sentencia Completa...<\/a><\/div><\/div><\/div><\/div>\n<div class=\"col-md-12 col-sm-12 col-xs-12 pt-cv-content-item pt-cv-1-col\" ><div class='pt-cv-ifield'><a href=\"https:\/\/www.dmsjuridica.com\/buscador_20179478954\/corteconstitucionalcronologico202454587\/c-408-23\/\" class=\"_self pt-cv-href-thumbnail pt-cv-thumb-default\" target=\"_self\" ><\/a>\n<div class=\"pt-cv-taxoterm above_title\"><a href='https:\/\/www.dmsjuridica.com\/buscador_20179478954\/corteconstitucionalcronologico202454587\/category\/buscar-en-toda-la-corte\/2023\/sentencias-2023\/' title='Sentencias 2023' class='pt-cv-tax-sentencias-2023'>Sentencias 2023<\/a><\/div>\n<h4 class=\"pt-cv-title\"><a href=\"https:\/\/www.dmsjuridica.com\/buscador_20179478954\/corteconstitucionalcronologico202454587\/c-408-23\/\" class=\"_self\" target=\"_self\" >C-408-23<\/a><\/h4>\n<div class=\"pt-cv-content\">Expediente D-15.142 P\u00e1gina \u00a0de\u00a0 CONTROL DE CONSTITUCIONALIDAD DE OMISION LEGISLATIVA ABSOLUTA-Incompetencia de la Corte Constitucional PENSION DE VEJEZ-Finalidad SEXO-Definici\u00f3n\/GENERO-Definici\u00f3n\/IDENTIDAD DE GENERO-Definici\u00f3n PERSONAS CISGENERO-Concepto PERSONAS TRANSGENERO-Definici\u00f3n PERSONAS NO BINARIAS-Concepto El concepto de personas no binarias se refiere a aquellas que no se identifican con el sexo asignado al nacer, por cuanto no se identifican con ninguna de las categor\u00edas identitarias tradicionales, es decir, que se apartan de las clasificaciones binarias hombre\/mujer y masculino\/femenino. Cabe agregar que la Comisi\u00f3n Interamericana de Derechos Humanos, en el Informe sobre Personas Trans y de G\u00e9nero Diverso, y sus Derechos Econ\u00f3micos, Sociales, Culturales y Ambientales, de ...<br \/><div class=\"pt-cv-rmwrap\"><a href=\"https:\/\/www.dmsjuridica.com\/buscador_20179478954\/corteconstitucionalcronologico202454587\/c-408-23\/\" class=\"_self pt-cv-readmore btn btn-success\" target=\"_self\">Ver Sentencia Completa...<\/a><\/div><\/div><\/div><\/div>\n<div class=\"col-md-12 col-sm-12 col-xs-12 pt-cv-content-item pt-cv-1-col\" ><div class='pt-cv-ifield'><a href=\"https:\/\/www.dmsjuridica.com\/buscador_20179478954\/corteconstitucionalcronologico202454587\/c-407-23\/\" class=\"_self pt-cv-href-thumbnail pt-cv-thumb-default\" target=\"_self\" ><\/a>\n<div class=\"pt-cv-taxoterm above_title\"><a href='https:\/\/www.dmsjuridica.com\/buscador_20179478954\/corteconstitucionalcronologico202454587\/category\/buscar-en-toda-la-corte\/2023\/sentencias-2023\/' title='Sentencias 2023' class='pt-cv-tax-sentencias-2023'>Sentencias 2023<\/a><\/div>\n<h4 class=\"pt-cv-title\"><a href=\"https:\/\/www.dmsjuridica.com\/buscador_20179478954\/corteconstitucionalcronologico202454587\/c-407-23\/\" class=\"_self\" target=\"_self\" >C-407-23<\/a><\/h4>\n<div class=\"pt-cv-content\">TEMAS-SUBTEMAS Sentencia C-407\/23 CONCEPTO DE VIOLACION EN DEMANDA DE INCONSTITUCIONALIDAD-Razones claras, ciertas, espec\u00edficas, pertinentes y suficientes INHIBICION DE LA CORTE CONSTITUCIONAL-Argumentaci\u00f3n que no es de car\u00e1cter constitucional INHIBICION DE LA CORTE CONSTITUCIONAL POR INEPTITUD SUSTANTIVA DE LA DEMANDA-Incumplimiento de requisitos de claridad, certeza, especificidad, pertinencia y suficiencia en los cargos REP\u00daBLICA DE COLOMBIA CORTE CONSTITUCIONAL SENTENCIA C-407 DE 2023 Expediente: D-15.232 Acci\u00f3n p\u00fablica de inconstitucionalidad en contra del literal g) del art\u00edculo 29 de la Ley 1551 de 2012 \u201c[p]or la cual se dictan normas para modernizar la organizaci\u00f3n y el funcionamiento de los municipios\u201d Demandante: Carlos Sa\u00fal Sierra Ni\u00f1o ...<br \/><div class=\"pt-cv-rmwrap\"><a href=\"https:\/\/www.dmsjuridica.com\/buscador_20179478954\/corteconstitucionalcronologico202454587\/c-407-23\/\" class=\"_self pt-cv-readmore btn btn-success\" target=\"_self\">Ver Sentencia Completa...<\/a><\/div><\/div><\/div><\/div>\n<div class=\"col-md-12 col-sm-12 col-xs-12 pt-cv-content-item pt-cv-1-col\" ><div class='pt-cv-ifield'><a href=\"https:\/\/www.dmsjuridica.com\/buscador_20179478954\/corteconstitucionalcronologico202454587\/c-406-23\/\" class=\"_self pt-cv-href-thumbnail pt-cv-thumb-default\" target=\"_self\" ><\/a>\n<div class=\"pt-cv-taxoterm above_title\"><a href='https:\/\/www.dmsjuridica.com\/buscador_20179478954\/corteconstitucionalcronologico202454587\/category\/buscar-en-toda-la-corte\/2023\/sentencias-2023\/' title='Sentencias 2023' class='pt-cv-tax-sentencias-2023'>Sentencias 2023<\/a><\/div>\n<h4 class=\"pt-cv-title\"><a href=\"https:\/\/www.dmsjuridica.com\/buscador_20179478954\/corteconstitucionalcronologico202454587\/c-406-23\/\" class=\"_self\" target=\"_self\" >C-406-23<\/a><\/h4>\n<div class=\"pt-cv-content\">TEMAS-SUBTEMAS Sentencia C-406\/23 COSA JUZGADA CONSTITUCIONAL FORMAL RELATIVA-Configuraci\u00f3n COSA JUZGADA CONSTITUCIONAL-Tipolog\u00eda COSA JUZGADA-Efectos respecto de decisiones de exequibilidad e inexequibilidad COSA JUZGADA CONSTITUCIONAL Y NUEVO JUICIO DE CONSTITUCIONALIDAD-Criterios de valoraci\u00f3n La jurisprudencia ha previsto que, bajo situaciones excepcional\u00edsimas, los efectos de la cosa juzgada constitucional pueden debilitarse. En efecto, la Corte ha realizado un nuevo juzgamiento de disposiciones declaradas exequibles, ante: (i) la modificaci\u00f3n del par\u00e1metro de control, (ii) el cambio en la significaci\u00f3n material de la Constituci\u00f3n y (iii) la variaci\u00f3n del contexto normativo del objeto de control. COSA JUZGADA CONSTITUCIONAL-Alcance de los eventos que debilitan sus efectos REP\u00daBLICA ...<br \/><div class=\"pt-cv-rmwrap\"><a href=\"https:\/\/www.dmsjuridica.com\/buscador_20179478954\/corteconstitucionalcronologico202454587\/c-406-23\/\" class=\"_self pt-cv-readmore btn btn-success\" target=\"_self\">Ver Sentencia Completa...<\/a><\/div><\/div><\/div><\/div>\n<div class=\"col-md-12 col-sm-12 col-xs-12 pt-cv-content-item pt-cv-1-col\" ><div class='pt-cv-ifield'><a href=\"https:\/\/www.dmsjuridica.com\/buscador_20179478954\/corteconstitucionalcronologico202454587\/c-405-23\/\" class=\"_self pt-cv-href-thumbnail pt-cv-thumb-default\" target=\"_self\" ><\/a>\n<div class=\"pt-cv-taxoterm above_title\"><a href='https:\/\/www.dmsjuridica.com\/buscador_20179478954\/corteconstitucionalcronologico202454587\/category\/buscar-en-toda-la-corte\/2023\/sentencias-2023\/' title='Sentencias 2023' class='pt-cv-tax-sentencias-2023'>Sentencias 2023<\/a><\/div>\n<h4 class=\"pt-cv-title\"><a href=\"https:\/\/www.dmsjuridica.com\/buscador_20179478954\/corteconstitucionalcronologico202454587\/c-405-23\/\" class=\"_self\" target=\"_self\" >C-405-23<\/a><\/h4>\n<div class=\"pt-cv-content\">\u00a0 \u00a0 \u00a0 \u00a0 \u00a0\u00a0 TEMAS-SUBTEMAS\u00a0 \u00a0 \u00a0\u00a0 Sentencia C-405\/23\u00a0 \u00a0 \u00a0\u00a0 PRINCIPIO DE EQUIDAD TRIBUTARIA-No vulneraci\u00f3n en impuesto de timbre asociado a la enajenaci\u00f3n de bienes inmuebles\u00a0 \u00a0 \u00a0\u00a0 IMPUESTO DE TIMBRE-Evoluci\u00f3n\u00a0 \u00a0 \u00a0\u00a0 IMPUESTO DE TIMBRE-Naturaleza \u00a0 \u00a0\u00a0 \u00a0Se afirma que corresponde a un impuesto nacional en tanto re\u00fane los elementos determinados por la jurisprudencia para darle este tratamiento. A saber, se trata de una obligaci\u00f3n unilateral, por lo cual el contribuyente no recibe contraprestaci\u00f3n directa por parte del Estado y tampoco guarda relaci\u00f3n con un beneficio espec\u00edfico derivado para el contribuyente. Su hecho generador grava documentos en ...<br \/><div class=\"pt-cv-rmwrap\"><a href=\"https:\/\/www.dmsjuridica.com\/buscador_20179478954\/corteconstitucionalcronologico202454587\/c-405-23\/\" class=\"_self pt-cv-readmore btn btn-success\" target=\"_self\">Ver Sentencia Completa...<\/a><\/div><\/div><\/div><\/div>\n<div class=\"col-md-12 col-sm-12 col-xs-12 pt-cv-content-item pt-cv-1-col\" ><div class='pt-cv-ifield'><a href=\"https:\/\/www.dmsjuridica.com\/buscador_20179478954\/corteconstitucionalcronologico202454587\/c-404-23\/\" class=\"_self pt-cv-href-thumbnail pt-cv-thumb-default\" target=\"_self\" ><\/a>\n<div class=\"pt-cv-taxoterm above_title\"><a href='https:\/\/www.dmsjuridica.com\/buscador_20179478954\/corteconstitucionalcronologico202454587\/category\/buscar-en-toda-la-corte\/2023\/sentencias-2023\/' title='Sentencias 2023' class='pt-cv-tax-sentencias-2023'>Sentencias 2023<\/a><\/div>\n<h4 class=\"pt-cv-title\"><a href=\"https:\/\/www.dmsjuridica.com\/buscador_20179478954\/corteconstitucionalcronologico202454587\/c-404-23\/\" class=\"_self\" target=\"_self\" >C-404-23<\/a><\/h4>\n<div class=\"pt-cv-content\">\u00a0 \u00a0 ACUERDO DE TRANSPORTE A\u00c9REO ENTRE COLOMBIA Y CANAD\u00c1-Se ajusta a la Constituci\u00f3n Pol\u00edtica\u00a0 \u00a0 CONTROL DE CONSTITUCIONALIDAD DE TRATADO INTERNACIONAL Y LEY APROBATORIA-Caracter\u00edsticas \u00a0 \u00a0\u00a0 CONTROL DE CONSTITUCIONALIDAD EN MATERIA DE TRATADOS Y LEYES APROBATORIAS DE TRATADOS-Control formal y material \u00a0 \u00a0\u00a0 LEY APROBATORIA DE TRATADO INTERNACIONAL-Aspectos formales \u00a0 \u00a0\u00a0 CONTROL DE CONSTITUCIONALIDAD DE TRATADO INTERNACIONAL Y LEY APROBATORIA-Negociaci\u00f3n, celebraci\u00f3n y aprobaci\u00f3n ejecutiva \u00a0 \u00a0\u00a0 AFECTACION DIRECTA DE COMUNIDADES ETNICAS O TRIBALES-Deber de consulta previa frente a decisi\u00f3n legislativa y administrativa que las afecte directamente, incluso leyes aprobatorias de tratados internacionales y actos legislativos \u00a0 \u00a0\u00a0 CONSULTA PREVIA ...<br \/><div class=\"pt-cv-rmwrap\"><a href=\"https:\/\/www.dmsjuridica.com\/buscador_20179478954\/corteconstitucionalcronologico202454587\/c-404-23\/\" class=\"_self pt-cv-readmore btn btn-success\" target=\"_self\">Ver Sentencia Completa...<\/a><\/div><\/div><\/div><\/div>\n<div class=\"col-md-12 col-sm-12 col-xs-12 pt-cv-content-item pt-cv-1-col\" ><div class='pt-cv-ifield'><a href=\"https:\/\/www.dmsjuridica.com\/buscador_20179478954\/corteconstitucionalcronologico202454587\/c-403-23\/\" class=\"_self pt-cv-href-thumbnail pt-cv-thumb-default\" target=\"_self\" ><\/a>\n<div class=\"pt-cv-taxoterm above_title\"><a href='https:\/\/www.dmsjuridica.com\/buscador_20179478954\/corteconstitucionalcronologico202454587\/category\/buscar-en-toda-la-corte\/2023\/sentencias-2023\/' title='Sentencias 2023' class='pt-cv-tax-sentencias-2023'>Sentencias 2023<\/a><\/div>\n<h4 class=\"pt-cv-title\"><a href=\"https:\/\/www.dmsjuridica.com\/buscador_20179478954\/corteconstitucionalcronologico202454587\/c-403-23\/\" class=\"_self\" target=\"_self\" >C-403-23<\/a><\/h4>\n<div class=\"pt-cv-content\">TEMAS-SUBTEMAS Sentencia C-403\/23 INHIBICION DE LA CORTE CONSTITUCIONAL POR INEPTITUD SUSTANTIVA DE LA DEMANDA-Incumplimiento de requisitos de claridad, certeza, especificidad y pertinencia en los cargos CONCEPTO DE VIOLACION EN DEMANDA DE INCONSTITUCIONALIDAD-Razones claras, ciertas, espec\u00edficas, pertinentes y suficientes PRINCIPIO PRO ACTIONE EN DEMANDA DE INCONSTITUCIONALIDAD-Cumplimiento de requisitos argumentativos m\u00ednimos DEMANDA DE INCONSTITUCIONALIDAD POR OMISION LEGISLATIVA RELATIVA-Impone al demandante una mayor carga argumentativa REP\u00daBLICA DE COLOMBIA CORTE CONSTITUCIONAL Sala Plena SENTENCIA C-403 de 2023 Demanda de inconstitucionalidad contra el art\u00edculo 38 (parcial) de la Ley 160 de 1994 \u201c[p]or la cual se crea el Sistema Nacional de Reforma Agraria y Desarrollo ...<br \/><div class=\"pt-cv-rmwrap\"><a href=\"https:\/\/www.dmsjuridica.com\/buscador_20179478954\/corteconstitucionalcronologico202454587\/c-403-23\/\" class=\"_self pt-cv-readmore btn btn-success\" target=\"_self\">Ver Sentencia Completa...<\/a><\/div><\/div><\/div><\/div>\n<div class=\"col-md-12 col-sm-12 col-xs-12 pt-cv-content-item pt-cv-1-col\" ><div class='pt-cv-ifield'><a href=\"https:\/\/www.dmsjuridica.com\/buscador_20179478954\/corteconstitucionalcronologico202454587\/c-395-23\/\" class=\"_self pt-cv-href-thumbnail pt-cv-thumb-default\" target=\"_self\" ><\/a>\n<div class=\"pt-cv-taxoterm above_title\"><a href='https:\/\/www.dmsjuridica.com\/buscador_20179478954\/corteconstitucionalcronologico202454587\/category\/buscar-en-toda-la-corte\/2023\/sentencias-2023\/' title='Sentencias 2023' class='pt-cv-tax-sentencias-2023'>Sentencias 2023<\/a><\/div>\n<h4 class=\"pt-cv-title\"><a href=\"https:\/\/www.dmsjuridica.com\/buscador_20179478954\/corteconstitucionalcronologico202454587\/c-395-23\/\" class=\"_self\" target=\"_self\" >C-395-23<\/a><\/h4>\n<div class=\"pt-cv-content\">TEMAS-SUBTEMAS Sentencia C-395\/23 DEMANDA DE INCONSTITUCIONALIDAD-Oportunidad procesal para definir la aptitud de la demanda DEMANDA DE INCONSTITUCIONALIDAD POR VULNERACI\u00d3N DEL PRINCIPIO DE IGUALDAD ENTRE C\u00d3NYUGES Y COMPA\u00d1EROS PERMANENTES-Requisitos en la carga argumentativa MATRIMONIO Y UNION MARITAL DE HECHO-Instituciones diferentes respecto de las cuales la Constituci\u00f3n no ha previsto deber de otorgar igual tratamiento INHIBICION DE LA CORTE CONSTITUCIONAL-Incumplimiento de requisitos exigidos en cargo por violaci\u00f3n al principio de igualdad UNION MARITAL DE HECHO-Libertad probatoria (...) para demostrar el surgimiento de este tipo de v\u00ednculo opera un sistema de libertad probatoria que se rige por los principios de informalidad y prevalencia ...<br \/><div class=\"pt-cv-rmwrap\"><a href=\"https:\/\/www.dmsjuridica.com\/buscador_20179478954\/corteconstitucionalcronologico202454587\/c-395-23\/\" class=\"_self pt-cv-readmore btn btn-success\" target=\"_self\">Ver Sentencia Completa...<\/a><\/div><\/div><\/div><\/div>\n<div class=\"col-md-12 col-sm-12 col-xs-12 pt-cv-content-item pt-cv-1-col\" ><div class='pt-cv-ifield'><a href=\"https:\/\/www.dmsjuridica.com\/buscador_20179478954\/corteconstitucionalcronologico202454587\/c-394-23\/\" class=\"_self pt-cv-href-thumbnail pt-cv-thumb-default\" target=\"_self\" ><\/a>\n<div class=\"pt-cv-taxoterm above_title\"><a href='https:\/\/www.dmsjuridica.com\/buscador_20179478954\/corteconstitucionalcronologico202454587\/category\/buscar-en-toda-la-corte\/2023\/sentencias-2023\/' title='Sentencias 2023' class='pt-cv-tax-sentencias-2023'>Sentencias 2023<\/a><\/div>\n<h4 class=\"pt-cv-title\"><a href=\"https:\/\/www.dmsjuridica.com\/buscador_20179478954\/corteconstitucionalcronologico202454587\/c-394-23\/\" class=\"_self\" target=\"_self\" >C-394-23<\/a><\/h4>\n<div class=\"pt-cv-content\">TEMAS-SUBTEMAS INHIBICION DE LA CORTE CONSTITUCIONAL POR INEPTITUD SUSTANTIVA DE LA DEMANDA-Incumplimiento de requisitos de certeza, especificidad, pertinencia y suficiencia en los cargos CONCEPTO DE VIOLACION EN DEMANDA DE INCONSTITUCIONALIDAD-Razones claras, ciertas, espec\u00edficas, pertinentes y suficientes ACTO LEGISLATIVO DE SISTEMA ACUSATORIO-No constituye par\u00e1metro de juzgamiento de normas expedidas con anterioridad ACTO LEGISLATIVO QUE IMPLEMENTO EL SISTEMA PENAL ACUSATORIO-Modificaciones que introdujo en el sistema procesal penal ACTO LEGISLATIVO-Modificaci\u00f3n de las funciones propias de la Fiscal\u00eda General de la Naci\u00f3n ACTO LEGISLATIVO DE SISTEMA ACUSATORIO-Vigencia REP\u00daBLICA DE COLOMBIA CORTE CONSTITUCIONAL -Sala Plena- Sentencia C-394 de 2023 Expedientes: D-15.162 Demandante: Juan Camilo R\u00edos ...<br \/><div class=\"pt-cv-rmwrap\"><a href=\"https:\/\/www.dmsjuridica.com\/buscador_20179478954\/corteconstitucionalcronologico202454587\/c-394-23\/\" class=\"_self pt-cv-readmore btn btn-success\" target=\"_self\">Ver Sentencia Completa...<\/a><\/div><\/div><\/div><\/div>\n<div class=\"col-md-12 col-sm-12 col-xs-12 pt-cv-content-item pt-cv-1-col\" ><div class='pt-cv-ifield'><a href=\"https:\/\/www.dmsjuridica.com\/buscador_20179478954\/corteconstitucionalcronologico202454587\/c-393-23\/\" class=\"_self pt-cv-href-thumbnail pt-cv-thumb-default\" target=\"_self\" ><\/a>\n<div class=\"pt-cv-taxoterm above_title\"><a href='https:\/\/www.dmsjuridica.com\/buscador_20179478954\/corteconstitucionalcronologico202454587\/category\/buscar-en-toda-la-corte\/2023\/sentencias-2023\/' title='Sentencias 2023' class='pt-cv-tax-sentencias-2023'>Sentencias 2023<\/a><\/div>\n<h4 class=\"pt-cv-title\"><a href=\"https:\/\/www.dmsjuridica.com\/buscador_20179478954\/corteconstitucionalcronologico202454587\/c-393-23\/\" class=\"_self\" target=\"_self\" >C-393-23<\/a><\/h4>\n<div class=\"pt-cv-content\">TEMAS-SUBTEMAS Sentencia C-393\/23 INHIBICION DE LA CORTE CONSTITUCIONAL POR INEPTITUD SUSTANTIVA DE LA DEMANDA-Incumplimiento de requisitos de especificidad y suficiencia DEMANDA DE INCONSTITUCIONALIDAD QUE PRETENDE EL CAMBIO DE PRECEDENTE CONSTITUCIONAL-Incumplimiento de requisitos DEMANDA DE INCONSTITUCIONALIDAD QUE PRETENDE EL CAMBIO DE PRECEDENTE CONSTITUCIONAL-Requisitos (...) los actores deben cumplir una estricta carga argumental consistente en \u201c(i) hacer expl\u00edcitas las razones por las cuales procede apartarse de la jurisprudencia en vigor sobre la materia objeto de escrutinio judicial; y (ii) demostrar suficientemente que la interpretaci\u00f3n alternativa que se ofrece desarrolla de mejor manera los derechos, principios y valores constitucionales\u201d. Sobre este asunto, la ...<br \/><div class=\"pt-cv-rmwrap\"><a href=\"https:\/\/www.dmsjuridica.com\/buscador_20179478954\/corteconstitucionalcronologico202454587\/c-393-23\/\" class=\"_self pt-cv-readmore btn btn-success\" target=\"_self\">Ver Sentencia Completa...<\/a><\/div><\/div><\/div><\/div>\n<div class=\"col-md-12 col-sm-12 col-xs-12 pt-cv-content-item pt-cv-1-col\" ><div class='pt-cv-ifield'><a href=\"https:\/\/www.dmsjuridica.com\/buscador_20179478954\/corteconstitucionalcronologico202454587\/c-391-23\/\" class=\"_self pt-cv-href-thumbnail pt-cv-thumb-default\" target=\"_self\" ><\/a>\n<div class=\"pt-cv-taxoterm above_title\"><a href='https:\/\/www.dmsjuridica.com\/buscador_20179478954\/corteconstitucionalcronologico202454587\/category\/buscar-en-toda-la-corte\/2023\/sentencias-2023\/' title='Sentencias 2023' class='pt-cv-tax-sentencias-2023'>Sentencias 2023<\/a><\/div>\n<h4 class=\"pt-cv-title\"><a href=\"https:\/\/www.dmsjuridica.com\/buscador_20179478954\/corteconstitucionalcronologico202454587\/c-391-23\/\" class=\"_self\" target=\"_self\" >C-391-23<\/a><\/h4>\n<div class=\"pt-cv-content\">C-391 de 2023 Expediente D-15.127 M.P. Jorge Enrique Ib\u00e1\u00f1ez Najar REP\u00daBLICA DE COLOMBIA CORTE CONSTITUCIONAL Sala Plena SENTENCIA C-391 DE 2023 Expediente: D-15.127 Demanda de inconstitucionalidad contra el art\u00edculo 95 de la Ley 2277 de 2023, \u201c[p]or medio de la cual se adopta una reforma tributaria para la igualdad y la justicia social y se dictan otras disposiciones\u201d Demandante: Javier Fernando Gonz\u00e1lez Mac'mah\u00f3n Magistrado ponente: Jorge Enrique Ib\u00e1\u00f1ez Najar Bogot\u00e1 D.C., cuatro (4) de octubre de dos mil veintitr\u00e9s (2023) La Sala Plena de la Corte Constitucional, en ejercicio de sus competencias constitucionales y legales, en especial las previstas por ...<br \/><div class=\"pt-cv-rmwrap\"><a href=\"https:\/\/www.dmsjuridica.com\/buscador_20179478954\/corteconstitucionalcronologico202454587\/c-391-23\/\" class=\"_self pt-cv-readmore btn btn-success\" target=\"_self\">Ver Sentencia Completa...<\/a><\/div><\/div><\/div><\/div>\n<div class=\"col-md-12 col-sm-12 col-xs-12 pt-cv-content-item pt-cv-1-col\" ><div class='pt-cv-ifield'><a href=\"https:\/\/www.dmsjuridica.com\/buscador_20179478954\/corteconstitucionalcronologico202454587\/c-390-23\/\" class=\"_self pt-cv-href-thumbnail pt-cv-thumb-default\" target=\"_self\" ><\/a>\n<div class=\"pt-cv-taxoterm above_title\"><a href='https:\/\/www.dmsjuridica.com\/buscador_20179478954\/corteconstitucionalcronologico202454587\/category\/buscar-en-toda-la-corte\/2023\/sentencias-2023\/' title='Sentencias 2023' class='pt-cv-tax-sentencias-2023'>Sentencias 2023<\/a><\/div>\n<h4 class=\"pt-cv-title\"><a href=\"https:\/\/www.dmsjuridica.com\/buscador_20179478954\/corteconstitucionalcronologico202454587\/c-390-23\/\" class=\"_self\" target=\"_self\" >C-390-23<\/a><\/h4>\n<div class=\"pt-cv-content\">TEMAS-SUBTEMAS Sentencia C-390\/23 Incluir la prolongaci\u00f3n de todas las normas de los decretos legislativos 560 y 772 de 2020, salvo las de naturaleza impositiva que no fueron prolongadas, en una ley de car\u00e1cter eminentemente tributario, resulta violatorio del principio de unidad de materia que consagran los art\u00edculos 158 y 169 de la Constituci\u00f3n Pol\u00edtica. Esto, por cuanto no se logra identificar qu\u00e9 tipo de relaci\u00f3n podr\u00edan dichas normas tener con la reforma tributaria de la Ley 2277. CONTROL DE CONSTITUCIONALIDAD POR VULNERACION DEL PRINCIPIO DE UNIDAD DE MATERIA-Metodolog\u00eda PRINCIPIO DE UNIDAD DE MATERIA-Finalidad PRINCIPIO DE UNIDAD DE MATERIA-Contenido y alcance ...<br \/><div class=\"pt-cv-rmwrap\"><a href=\"https:\/\/www.dmsjuridica.com\/buscador_20179478954\/corteconstitucionalcronologico202454587\/c-390-23\/\" class=\"_self pt-cv-readmore btn btn-success\" target=\"_self\">Ver Sentencia Completa...<\/a><\/div><\/div><\/div><\/div>\n<div class=\"col-md-12 col-sm-12 col-xs-12 pt-cv-content-item pt-cv-1-col\" ><div class='pt-cv-ifield'><a href=\"https:\/\/www.dmsjuridica.com\/buscador_20179478954\/corteconstitucionalcronologico202454587\/c-389-23\/\" class=\"_self pt-cv-href-thumbnail pt-cv-thumb-default\" target=\"_self\" ><\/a>\n<div class=\"pt-cv-taxoterm above_title\"><a href='https:\/\/www.dmsjuridica.com\/buscador_20179478954\/corteconstitucionalcronologico202454587\/category\/buscar-en-toda-la-corte\/2023\/sentencias-2023\/' title='Sentencias 2023' class='pt-cv-tax-sentencias-2023'>Sentencias 2023<\/a><\/div>\n<h4 class=\"pt-cv-title\"><a href=\"https:\/\/www.dmsjuridica.com\/buscador_20179478954\/corteconstitucionalcronologico202454587\/c-389-23\/\" class=\"_self\" target=\"_self\" >C-389-23<\/a><\/h4>\n<div class=\"pt-cv-content\">Sentencia C-389 de 2023 Expediente D-15.167 REP\u00daBLICA DE COLOMBIA CORTE CONSTITUCIONAL Sala Plena SENTENCIA C-389 DE 2023 Referencia: Expediente D-15.167 Demanda de inconstitucionalidad contra el par\u00e1grafo 4\u00b0 del art\u00edculo 240 del Decreto 624 de 1989, \u201cPor el cual se expide el Estatuto Tributario de los Impuestos Administrados por la Direcci\u00f3n General de Impuestos Nacionales\u201d, tal y como fue modificado por el art\u00edculo 10 de la Ley 2277 de 2022, \u201cPor medio de la cual se adopta una reforma tributaria para la igualdad y la justicia social y se dictan otras disposiciones\u201d Demandante: Juan Jos\u00e9 Fuentes Bernal Magistrados Ponentes: ALEJANDRO LINARES ...<br \/><div class=\"pt-cv-rmwrap\"><a href=\"https:\/\/www.dmsjuridica.com\/buscador_20179478954\/corteconstitucionalcronologico202454587\/c-389-23\/\" class=\"_self pt-cv-readmore btn btn-success\" target=\"_self\">Ver Sentencia Completa...<\/a><\/div><\/div><\/div><\/div>\n<div class=\"col-md-12 col-sm-12 col-xs-12 pt-cv-content-item pt-cv-1-col\" ><div class='pt-cv-ifield'><a href=\"https:\/\/www.dmsjuridica.com\/buscador_20179478954\/corteconstitucionalcronologico202454587\/c-387-23\/\" class=\"_self pt-cv-href-thumbnail pt-cv-thumb-default\" target=\"_self\" ><\/a>\n<div class=\"pt-cv-taxoterm above_title\"><a href='https:\/\/www.dmsjuridica.com\/buscador_20179478954\/corteconstitucionalcronologico202454587\/category\/buscar-en-toda-la-corte\/2023\/sentencias-2023\/' title='Sentencias 2023' class='pt-cv-tax-sentencias-2023'>Sentencias 2023<\/a><\/div>\n<h4 class=\"pt-cv-title\"><a href=\"https:\/\/www.dmsjuridica.com\/buscador_20179478954\/corteconstitucionalcronologico202454587\/c-387-23\/\" class=\"_self\" target=\"_self\" >C-387-23<\/a><\/h4>\n<div class=\"pt-cv-content\">\u00a0 \u00a0 R\u00c9GIMEN ESPECIAL DE CARRERA DE LA FISCAL\u00cdA GENERAL DE LA NACI\u00d3N-Uso de la lista de elegibles para proveer \u00fanicamente los cargos ofertados en la convocatoria\u00a0 \u00a0 \u00a0\u00a0 (\u2026) las finalidades en las que se inscribe la norma impugnada se encuentran en la necesidad de garantizar (i) la gradualidad en el acceso de las personas que har\u00e1n parte del sistema de carrera; (ii) en la importancia de asegurar la adaptaci\u00f3n al cargo, pues el ingreso supone una curva de aprendizaje, en donde, por virtud del per\u00edodo de prueba, es preciso evaluar el desempe\u00f1o laboral de la persona designada; y, ...<br \/><div class=\"pt-cv-rmwrap\"><a href=\"https:\/\/www.dmsjuridica.com\/buscador_20179478954\/corteconstitucionalcronologico202454587\/c-387-23\/\" class=\"_self pt-cv-readmore btn btn-success\" target=\"_self\">Ver Sentencia Completa...<\/a><\/div><\/div><\/div><\/div>\n<div class=\"col-md-12 col-sm-12 col-xs-12 pt-cv-content-item pt-cv-1-col\" ><div class='pt-cv-ifield'><a href=\"https:\/\/www.dmsjuridica.com\/buscador_20179478954\/corteconstitucionalcronologico202454587\/c-384-23\/\" class=\"_self pt-cv-href-thumbnail pt-cv-thumb-default\" target=\"_self\" ><\/a>\n<div class=\"pt-cv-taxoterm above_title\"><a href='https:\/\/www.dmsjuridica.com\/buscador_20179478954\/corteconstitucionalcronologico202454587\/category\/buscar-en-toda-la-corte\/2023\/sentencias-2023\/' title='Sentencias 2023' class='pt-cv-tax-sentencias-2023'>Sentencias 2023<\/a><\/div>\n<h4 class=\"pt-cv-title\"><a href=\"https:\/\/www.dmsjuridica.com\/buscador_20179478954\/corteconstitucionalcronologico202454587\/c-384-23\/\" class=\"_self\" target=\"_self\" >C-384-23<\/a><\/h4>\n<div class=\"pt-cv-content\">Sentencia C-384-2023 MM.PP. Diana Fajardo Rivera y Alejandro Linares Cantillo REP\u00daBLICA DE COLOMBIA CORTE CONSTITUCIONAL Sala Plena SENTENCIA C-384 de 2023 Expediente: D-15143 Ref.: Demanda de inconstitucionalidad contra los numerales 1, 2 y 3 y el par\u00e1grafo 6 del art\u00edculo 11 de la Ley 2277 de 2022 \u201c[p]or medio de la cual se adopta una reforma tributaria para la igualdad y la justicia social y se dictan otras disposiciones\u201d. Demandantes: Mauricio Pi\u00f1eros Perdomo y Nicol\u00e1s Potdevin Stein Magistrados ponentes: Diana Fajardo Rivera y Alejandro Linares Cantillo Bogot\u00e1 D.C., dos (02) de octubre de dos mil veintitr\u00e9s (2023) La Sala Plena ...<br \/><div class=\"pt-cv-rmwrap\"><a href=\"https:\/\/www.dmsjuridica.com\/buscador_20179478954\/corteconstitucionalcronologico202454587\/c-384-23\/\" class=\"_self pt-cv-readmore btn btn-success\" target=\"_self\">Ver Sentencia Completa...<\/a><\/div><\/div><\/div><\/div>\n<div class=\"col-md-12 col-sm-12 col-xs-12 pt-cv-content-item pt-cv-1-col\" ><div class='pt-cv-ifield'><a href=\"https:\/\/www.dmsjuridica.com\/buscador_20179478954\/corteconstitucionalcronologico202454587\/c-383-23\/\" class=\"_self pt-cv-href-thumbnail pt-cv-thumb-default\" target=\"_self\" ><\/a>\n<div class=\"pt-cv-taxoterm above_title\"><a href='https:\/\/www.dmsjuridica.com\/buscador_20179478954\/corteconstitucionalcronologico202454587\/category\/buscar-en-toda-la-corte\/2023\/sentencias-2023\/' title='Sentencias 2023' class='pt-cv-tax-sentencias-2023'>Sentencias 2023<\/a><\/div>\n<h4 class=\"pt-cv-title\"><a href=\"https:\/\/www.dmsjuridica.com\/buscador_20179478954\/corteconstitucionalcronologico202454587\/c-383-23\/\" class=\"_self\" target=\"_self\" >C-383-23<\/a><\/h4>\n<div class=\"pt-cv-content\">\u00a0 \u00a0 REP\u00daBLICA DE COLOMBIA \u00a0 \u00a0 CORTE CONSTITUCIONAL \u00a0 Sala Plena \u00a0 \u00a0\u00a0 SENTENCIA C-383 DE 2023 \u00a0 \u00a0\u00a0 Referencia: expediente RE-347 \u00a0 Revisi\u00f3n de constitucionalidad del Decreto Legislativo 1085 de 2 de julio de 2023 por el cual se declara el Estado de Emergencia Econ\u00f3mica, Social y Ecol\u00f3gica en el departamento de La Guajira. \u00a0 \u00a0\u00a0 Magistrados ponentes: \u00a0 Diana Fajardo Rivera \u00a0 Jos\u00e9 Fernando Reyes Cuartas \u00a0 \u00a0\u00a0 Bogot\u00e1 D.C., dos (2) de octubre de dos mil veintitr\u00e9s (2023) \u00a0 \u00a0 \u00a0 La Sala Plena de la Corte Constitucional, en ejercicio de sus atribuciones constitucionales y en ...<br \/><div class=\"pt-cv-rmwrap\"><a href=\"https:\/\/www.dmsjuridica.com\/buscador_20179478954\/corteconstitucionalcronologico202454587\/c-383-23\/\" class=\"_self pt-cv-readmore btn btn-success\" target=\"_self\">Ver Sentencia Completa...<\/a><\/div><\/div><\/div><\/div>\n<div class=\"col-md-12 col-sm-12 col-xs-12 pt-cv-content-item pt-cv-1-col\" ><div class='pt-cv-ifield'><a href=\"https:\/\/www.dmsjuridica.com\/buscador_20179478954\/corteconstitucionalcronologico202454587\/c-380-23\/\" class=\"_self pt-cv-href-thumbnail pt-cv-thumb-default\" target=\"_self\" ><\/a>\n<div class=\"pt-cv-taxoterm above_title\"><a href='https:\/\/www.dmsjuridica.com\/buscador_20179478954\/corteconstitucionalcronologico202454587\/category\/buscar-en-toda-la-corte\/2023\/sentencias-2023\/' title='Sentencias 2023' class='pt-cv-tax-sentencias-2023'>Sentencias 2023<\/a><\/div>\n<h4 class=\"pt-cv-title\"><a href=\"https:\/\/www.dmsjuridica.com\/buscador_20179478954\/corteconstitucionalcronologico202454587\/c-380-23\/\" class=\"_self\" target=\"_self\" >C-380-23<\/a><\/h4>\n<div class=\"pt-cv-content\">Expediente D-14910 REP\u00daBLICA DE COLOMBIA CORTE CONSTITUCIONAL -Sala Plena- SENTENCIA C-380 DE 2023 Referencia: Expediente D-14910 Demanda de inconstitucionalidad contra los art\u00edculos 4, 13, 40 (parcial), 48 y 62 de la Ley 2197 de 2022, \u201c[p]or medio de la cual se dictan normas tendientes al fortalecimiento de la seguridad ciudadana y se dictan otras disposiciones\u201d. Actores: Gustavo Gall\u00f3n Giraldo y otros Magistrado ponente: ALEJANDRO LINARES CANTILLO Bogot\u00e1, D.C., veintis\u00e9is (26) de septiembre de dos mil veintitr\u00e9s (2023) La Sala Plena de la Corte Constitucional, en ejercicio de sus competencias constitucionales y en cumplimiento de los requisitos y tr\u00e1mites establecidos en ...<br \/><div class=\"pt-cv-rmwrap\"><a href=\"https:\/\/www.dmsjuridica.com\/buscador_20179478954\/corteconstitucionalcronologico202454587\/c-380-23\/\" class=\"_self pt-cv-readmore btn btn-success\" target=\"_self\">Ver Sentencia Completa...<\/a><\/div><\/div><\/div><\/div>\n<div class=\"col-md-12 col-sm-12 col-xs-12 pt-cv-content-item pt-cv-1-col\" ><div class='pt-cv-ifield'><a href=\"https:\/\/www.dmsjuridica.com\/buscador_20179478954\/corteconstitucionalcronologico202454587\/c-363-23\/\" class=\"_self pt-cv-href-thumbnail pt-cv-thumb-default\" target=\"_self\" ><\/a>\n<div class=\"pt-cv-taxoterm above_title\"><a href='https:\/\/www.dmsjuridica.com\/buscador_20179478954\/corteconstitucionalcronologico202454587\/category\/buscar-en-toda-la-corte\/2023\/sentencias-2023\/' title='Sentencias 2023' class='pt-cv-tax-sentencias-2023'>Sentencias 2023<\/a><\/div>\n<h4 class=\"pt-cv-title\"><a href=\"https:\/\/www.dmsjuridica.com\/buscador_20179478954\/corteconstitucionalcronologico202454587\/c-363-23\/\" class=\"_self\" target=\"_self\" >C-363-23<\/a><\/h4>\n<div class=\"pt-cv-content\">Expediente D-15122 \u00a0 \u00a0 \u00a0 \u00a0 \u00a0 \u00a0 \u00a0 \u00a0 REP\u00daBLICA DE COLOMBIA CORTE CONSTITUCIONAL Sala Plena Sentencia C-363 de 2023 Referencia: Expediente D-15122 Demanda de inconstitucionalidad contra el art\u00edculo 12 de la Ley 2272 de 2022, \u00abpor medio de la cual se modifica adiciona y prorroga la Ley 418 de 1997, prorrogada, modificada y adicionada por las leyes 548 de 1999, 782 de 2002, 1106 de 2006, 1421 de 2010, 1738 de 2014 y 1941 de 2018, se define la pol\u00edtica de paz de Estado, se crea el servicio social para la paz, y se dictan otras disposiciones\u00bb Demandante: ...<br \/><div class=\"pt-cv-rmwrap\"><a href=\"https:\/\/www.dmsjuridica.com\/buscador_20179478954\/corteconstitucionalcronologico202454587\/c-363-23\/\" class=\"_self pt-cv-readmore btn btn-success\" target=\"_self\">Ver Sentencia Completa...<\/a><\/div><\/div><\/div><\/div>\n<div class=\"col-md-12 col-sm-12 col-xs-12 pt-cv-content-item pt-cv-1-col\" ><div class='pt-cv-ifield'><a href=\"https:\/\/www.dmsjuridica.com\/buscador_20179478954\/corteconstitucionalcronologico202454587\/c-362-23\/\" class=\"_self pt-cv-href-thumbnail pt-cv-thumb-default\" target=\"_self\" ><\/a>\n<div class=\"pt-cv-taxoterm above_title\"><a href='https:\/\/www.dmsjuridica.com\/buscador_20179478954\/corteconstitucionalcronologico202454587\/category\/buscar-en-toda-la-corte\/2023\/sentencias-2023\/' title='Sentencias 2023' class='pt-cv-tax-sentencias-2023'>Sentencias 2023<\/a><\/div>\n<h4 class=\"pt-cv-title\"><a href=\"https:\/\/www.dmsjuridica.com\/buscador_20179478954\/corteconstitucionalcronologico202454587\/c-362-23\/\" class=\"_self\" target=\"_self\" >C-362-23<\/a><\/h4>\n<div class=\"pt-cv-content\">Sentencia C-362 de 2023 M.P. Diana Fajardo Rivera REP\u00daBLICA DE COLOMBIA CORTE CONSTITUCIONAL Sala Plena SENTENCIA C-362 de 2023 Referencia: Expediente D-14986 Demanda de inconstitucionalidad contra el art\u00edculo 1\u00ba del Decreto -ley- 252 de 2020, \u201c[p]or el cual se adiciona el Decreto 1088 de 1993\u201d Magistrada ponente: Diana Fajardo Rivera Bogot\u00e1 D.C., trece (13) de septiembre de dos mil veintitr\u00e9s (2023) La Sala Plena\u00a0de la Corte Constitucional, en ejercicio de sus atribuciones constitucionales y en cumplimiento de los requisitos y tr\u00e1mites establecidos en el Decreto Ley 2067 de 1991, ha proferido la siguiente SENTENCIA I. Antecedentes 1. 1. \u00a0En ejercicio ...<br \/><div class=\"pt-cv-rmwrap\"><a href=\"https:\/\/www.dmsjuridica.com\/buscador_20179478954\/corteconstitucionalcronologico202454587\/c-362-23\/\" class=\"_self pt-cv-readmore btn btn-success\" target=\"_self\">Ver Sentencia Completa...<\/a><\/div><\/div><\/div><\/div>\n<div class=\"col-md-12 col-sm-12 col-xs-12 pt-cv-content-item pt-cv-1-col\" ><div class='pt-cv-ifield'><a href=\"https:\/\/www.dmsjuridica.com\/buscador_20179478954\/corteconstitucionalcronologico202454587\/c-361-23\/\" class=\"_self pt-cv-href-thumbnail pt-cv-thumb-default\" target=\"_self\" ><\/a>\n<div class=\"pt-cv-taxoterm above_title\"><a href='https:\/\/www.dmsjuridica.com\/buscador_20179478954\/corteconstitucionalcronologico202454587\/category\/buscar-en-toda-la-corte\/2023\/sentencias-2023\/' title='Sentencias 2023' class='pt-cv-tax-sentencias-2023'>Sentencias 2023<\/a><\/div>\n<h4 class=\"pt-cv-title\"><a href=\"https:\/\/www.dmsjuridica.com\/buscador_20179478954\/corteconstitucionalcronologico202454587\/c-361-23\/\" class=\"_self\" target=\"_self\" >C-361-23<\/a><\/h4>\n<div class=\"pt-cv-content\">Expediente LAT-479 M.P. Paola Andrea Meneses Mosquera REP\u00daBLICA DE COLOMBIA CORTE CONSTITUCIONAL Sala Plena SENTENCIA C-361 DE 2023 Referencia: Expediente LAT-479 Magistrada ponente: PAOLA ANDREA MENESES MOSQUERA Bogot\u00e1, D.C., trece (13) de septiembre de dos mil veintitr\u00e9s (2023) La Sala Plena de la Corte Constitucional, en ejercicio de sus atribuciones constitucionales, en especial de la prevista por el art\u00edculo 241.10 de la Constituci\u00f3n Pol\u00edtica, profiere la siguiente SENTENCIA ANTECEDENTES Tr\u00e1mite procesal 1. 1. \u00a0El 18 de julio de 2022, el secretario jur\u00eddico de la Presidencia de la Rep\u00fablica remiti\u00f3 a esta Corte copia aut\u00e9ntica del \u201cTratado entre la Rep\u00fablica de ...<br \/><div class=\"pt-cv-rmwrap\"><a href=\"https:\/\/www.dmsjuridica.com\/buscador_20179478954\/corteconstitucionalcronologico202454587\/c-361-23\/\" class=\"_self pt-cv-readmore btn btn-success\" target=\"_self\">Ver Sentencia Completa...<\/a><\/div><\/div><\/div><\/div>\n<div class=\"col-md-12 col-sm-12 col-xs-12 pt-cv-content-item pt-cv-1-col\" ><div class='pt-cv-ifield'><a href=\"https:\/\/www.dmsjuridica.com\/buscador_20179478954\/corteconstitucionalcronologico202454587\/c-360-23\/\" class=\"_self pt-cv-href-thumbnail pt-cv-thumb-default\" target=\"_self\" ><\/a>\n<div class=\"pt-cv-taxoterm above_title\"><a href='https:\/\/www.dmsjuridica.com\/buscador_20179478954\/corteconstitucionalcronologico202454587\/category\/buscar-en-toda-la-corte\/2023\/sentencias-2023\/' title='Sentencias 2023' class='pt-cv-tax-sentencias-2023'>Sentencias 2023<\/a><\/div>\n<h4 class=\"pt-cv-title\"><a href=\"https:\/\/www.dmsjuridica.com\/buscador_20179478954\/corteconstitucionalcronologico202454587\/c-360-23\/\" class=\"_self\" target=\"_self\" >C-360-23<\/a><\/h4>\n<div class=\"pt-cv-content\">TEMAS-SUBTEMAS Sentencia C-360\/23 TRATADO RELATIVO A LA TRANSMISI\u00d3N ELECTR\u00d3NICA DE SOLICITUDES DE COOPERACI\u00d3N JUR\u00cdDICA INTERNACIONAL ENTRE AUTORIDADES CENTRALES-Se ajusta a la Constituci\u00f3n CONTROL DE CONSTITUCIONALIDAD DE TRATADO INTERNACIONAL Y LEY APROBATORIA-Caracter\u00edsticas CONTROL DE CONSTITUCIONALIDAD EN MATERIA DE TRATADOS Y LEYES APROBATORIAS DE TRATADOS-Control formal y material LEY APROBATORIA DE TRATADO INTERNACIONAL-Aspectos formales CONTROL DE CONSTITUCIONALIDAD DE TRATADO INTERNACIONAL Y LEY APROBATORIA-Negociaci\u00f3n, celebraci\u00f3n y aprobaci\u00f3n ejecutiva AFECTACION DIRECTA DE COMUNIDADES ETNICAS O TRIBALES-Deber de consulta previa frente a decisi\u00f3n legislativa y administrativa que las afecte directamente, incluso leyes aprobatorias de tratados internacionales y actos legislativos CONSULTA PREVIA DE COMUNIDADES Y GRUPOS ...<br \/><div class=\"pt-cv-rmwrap\"><a href=\"https:\/\/www.dmsjuridica.com\/buscador_20179478954\/corteconstitucionalcronologico202454587\/c-360-23\/\" class=\"_self pt-cv-readmore btn btn-success\" target=\"_self\">Ver Sentencia Completa...<\/a><\/div><\/div><\/div><\/div>\n<div class=\"col-md-12 col-sm-12 col-xs-12 pt-cv-content-item pt-cv-1-col\" ><div class='pt-cv-ifield'><a href=\"https:\/\/www.dmsjuridica.com\/buscador_20179478954\/corteconstitucionalcronologico202454587\/c-350-23\/\" class=\"_self pt-cv-href-thumbnail pt-cv-thumb-default\" target=\"_self\" ><\/a>\n<div class=\"pt-cv-taxoterm above_title\"><a href='https:\/\/www.dmsjuridica.com\/buscador_20179478954\/corteconstitucionalcronologico202454587\/category\/buscar-en-toda-la-corte\/2023\/sentencias-2023\/' title='Sentencias 2023' class='pt-cv-tax-sentencias-2023'>Sentencias 2023<\/a><\/div>\n<h4 class=\"pt-cv-title\"><a href=\"https:\/\/www.dmsjuridica.com\/buscador_20179478954\/corteconstitucionalcronologico202454587\/c-350-23\/\" class=\"_self\" target=\"_self\" >C-350-23<\/a><\/h4>\n<div class=\"pt-cv-content\">\u00a0 \u00a0 DEMANDA DE INCONSTITUCIONALIDAD CONTRA C\u00d3DIGO DISCIPLINARIO MILITAR-Ineptitud sustantiva de la demanda \u00a0 CONCEPTO DE VIOLACION EN DEMANDA DE INCONSTITUCIONALIDAD-Exigencias argumentativas \u00a0 ACCION PUBLICA DE INCONSTITUCIONALIDAD-Certeza del cargo\u00a0 \u00a0 (\u2026) es necesario establecer si, en realidad, la norma que se pretende juzgar hace parte del ordenamiento jur\u00eddico, lo cual supone \u201cdemostrar que es razonable -a partir de est\u00e1ndares b\u00e1sicos de interpretaci\u00f3n- derivar de una disposici\u00f3n vigente, el significado normativo -norma- cuya constitucionalidad se cuestiona.\u201d Por lo tanto, \u201cla interpretaci\u00f3n que se acusa debe ser plausible y adem\u00e1s debe desprenderse del enunciado normativo acusado.\u201d En ese sentido es indispensable \u201cque ...<br \/><div class=\"pt-cv-rmwrap\"><a href=\"https:\/\/www.dmsjuridica.com\/buscador_20179478954\/corteconstitucionalcronologico202454587\/c-350-23\/\" class=\"_self pt-cv-readmore btn btn-success\" target=\"_self\">Ver Sentencia Completa...<\/a><\/div><\/div><\/div><\/div>\n<div class=\"col-md-12 col-sm-12 col-xs-12 pt-cv-content-item pt-cv-1-col\" ><div class='pt-cv-ifield'><a href=\"https:\/\/www.dmsjuridica.com\/buscador_20179478954\/corteconstitucionalcronologico202454587\/c-349-23\/\" class=\"_self pt-cv-href-thumbnail pt-cv-thumb-default\" target=\"_self\" ><\/a>\n<div class=\"pt-cv-taxoterm above_title\"><a href='https:\/\/www.dmsjuridica.com\/buscador_20179478954\/corteconstitucionalcronologico202454587\/category\/buscar-en-toda-la-corte\/2023\/sentencias-2023\/' title='Sentencias 2023' class='pt-cv-tax-sentencias-2023'>Sentencias 2023<\/a><\/div>\n<h4 class=\"pt-cv-title\"><a href=\"https:\/\/www.dmsjuridica.com\/buscador_20179478954\/corteconstitucionalcronologico202454587\/c-349-23\/\" class=\"_self\" target=\"_self\" >C-349-23<\/a><\/h4>\n<div class=\"pt-cv-content\">Expediente LAT-488 M.P. Cristina Pardo Schlesinger REP\u00daBLICA DE COLOMBIA CORTE CONSTITUCIONAL Sala Plena Sentencia C-349 de 2023 Referencia: Expediente LAT-488 Revisi\u00f3n de constitucionalidad de la Ley 2285 de 2023, \u201cPor medio de la cual se aprueba el \u00abtratado internacional sobre los recursos fitogen\u00e9ticos para la alimentaci\u00f3n y la agricultura\u00bb, adoptado por el 31\u00b0 per\u00edodo de sesiones de la Conferencia de la FAO, en Roma, el 3 de noviembre de 2001\u201d. Magistrada sustanciadora: CRISTINA PARDO SCHLESINGER Valledupar, siete (7) de septiembre de dos mil veintitr\u00e9s (2023) La Sala Plena de la Corte Constitucional, en ejercicio de sus atribuciones constitucionales, previo cumplimiento ...<br \/><div class=\"pt-cv-rmwrap\"><a href=\"https:\/\/www.dmsjuridica.com\/buscador_20179478954\/corteconstitucionalcronologico202454587\/c-349-23\/\" class=\"_self pt-cv-readmore btn btn-success\" target=\"_self\">Ver Sentencia Completa...<\/a><\/div><\/div><\/div><\/div>\n<div class=\"col-md-12 col-sm-12 col-xs-12 pt-cv-content-item pt-cv-1-col\" ><div class='pt-cv-ifield'><a href=\"https:\/\/www.dmsjuridica.com\/buscador_20179478954\/corteconstitucionalcronologico202454587\/c-334-23\/\" class=\"_self pt-cv-href-thumbnail pt-cv-thumb-default\" target=\"_self\" ><\/a>\n<div class=\"pt-cv-taxoterm above_title\"><a href='https:\/\/www.dmsjuridica.com\/buscador_20179478954\/corteconstitucionalcronologico202454587\/category\/buscar-en-toda-la-corte\/2023\/sentencias-2023\/' title='Sentencias 2023' class='pt-cv-tax-sentencias-2023'>Sentencias 2023<\/a><\/div>\n<h4 class=\"pt-cv-title\"><a href=\"https:\/\/www.dmsjuridica.com\/buscador_20179478954\/corteconstitucionalcronologico202454587\/c-334-23\/\" class=\"_self\" target=\"_self\" >C-334-23<\/a><\/h4>\n<div class=\"pt-cv-content\">Expediente D-15.133 M.P. Jorge Enrique Ib\u00e1\u00f1ez Najar REP\u00daBLICA DE COLOMBIA CORTE CONSTITUCIONAL SENTENCIA C-334 DE 2023 Referencia: Expediente D-15.133 Acci\u00f3n p\u00fablica de inconstitucionalidad en contra de la norma enunciada en el par\u00e1grafo del art\u00edculo 110 de la Ley 1437 de 2011, \u201c[p]or la cual se expide el C\u00f3digo de Procedimiento Administrativo y de lo Contencioso Administrativo\u201d Magistrado ponente: Jorge Enrique Ib\u00e1\u00f1ez Najar Bogot\u00e1 D.C., veintinueve (29) de agosto de dos mil veintitr\u00e9s (2023) La Sala Plena de la Corte Constitucional, en ejercicio de sus atribuciones constitucionales y de los requisitos y tr\u00e1mites establecidos en el Decreto Ley 2067 de 1991, ...<br \/><div class=\"pt-cv-rmwrap\"><a href=\"https:\/\/www.dmsjuridica.com\/buscador_20179478954\/corteconstitucionalcronologico202454587\/c-334-23\/\" class=\"_self pt-cv-readmore btn btn-success\" target=\"_self\">Ver Sentencia Completa...<\/a><\/div><\/div><\/div><\/div>\n<div class=\"col-md-12 col-sm-12 col-xs-12 pt-cv-content-item pt-cv-1-col\" ><div class='pt-cv-ifield'><a href=\"https:\/\/www.dmsjuridica.com\/buscador_20179478954\/corteconstitucionalcronologico202454587\/c-333-23\/\" class=\"_self pt-cv-href-thumbnail pt-cv-thumb-default\" target=\"_self\" ><\/a>\n<div class=\"pt-cv-taxoterm above_title\"><a href='https:\/\/www.dmsjuridica.com\/buscador_20179478954\/corteconstitucionalcronologico202454587\/category\/buscar-en-toda-la-corte\/2023\/sentencias-2023\/' title='Sentencias 2023' class='pt-cv-tax-sentencias-2023'>Sentencias 2023<\/a><\/div>\n<h4 class=\"pt-cv-title\"><a href=\"https:\/\/www.dmsjuridica.com\/buscador_20179478954\/corteconstitucionalcronologico202454587\/c-333-23\/\" class=\"_self\" target=\"_self\" >C-333-23<\/a><\/h4>\n<div class=\"pt-cv-content\">\u00a0 \u00a0 \u00a0\u00a0 \u00a0\u00a0 \u00a0\u00a0 \u00a0\u00a0 INHIBICION DE LA CORTE CONSTITUCIONAL-Incumplimiento de requisitos exigidos en cargo por violaci\u00f3n al principio de igualdad \u00a0 \u00a0\u00a0 INHIBICION DE LA CORTE CONSTITUCIONAL-Incumplimiento de requisitos exigidos en cargo por violaci\u00f3n al principio de no regresividad\u00a0 \u00a0 \u00a0\u00a0 PRINCIPIO DE PROGRESIVIDAD Y PROHIBICION DE REGRESIVIDAD-Alcance \u00a0 \u00a0\u00a0 \u00a0\u00a0 \u00a0\u00a0 \u00a0\u00a0 REP\u00daBLICA DE COLOMBIA \u00a0 \u00a0 CORTE CONSTITUCIONAL \u00a0 Sala Plena \u00a0 \u00a0\u00a0 SENTENCIA C-333 DE 2023 \u00a0 \u00a0\u00a0 \u00a0\u00a0 Referencia: Expediente D-15152 \u00a0 \u00a0\u00a0 Demanda de inconstitucionalidad contra el par\u00e1grafo del art\u00edculo 2 de la Ley 82 de 1993, modificado por el art\u00edculo 1\u00ba de ...<br \/><div class=\"pt-cv-rmwrap\"><a href=\"https:\/\/www.dmsjuridica.com\/buscador_20179478954\/corteconstitucionalcronologico202454587\/c-333-23\/\" class=\"_self pt-cv-readmore btn btn-success\" target=\"_self\">Ver Sentencia Completa...<\/a><\/div><\/div><\/div><\/div>\n<div class=\"col-md-12 col-sm-12 col-xs-12 pt-cv-content-item pt-cv-1-col\" ><div class='pt-cv-ifield'><a href=\"https:\/\/www.dmsjuridica.com\/buscador_20179478954\/corteconstitucionalcronologico202454587\/c-332-23\/\" class=\"_self pt-cv-href-thumbnail pt-cv-thumb-default\" target=\"_self\" ><\/a>\n<div class=\"pt-cv-taxoterm above_title\"><a href='https:\/\/www.dmsjuridica.com\/buscador_20179478954\/corteconstitucionalcronologico202454587\/category\/buscar-en-toda-la-corte\/2023\/sentencias-2023\/' title='Sentencias 2023' class='pt-cv-tax-sentencias-2023'>Sentencias 2023<\/a><\/div>\n<h4 class=\"pt-cv-title\"><a href=\"https:\/\/www.dmsjuridica.com\/buscador_20179478954\/corteconstitucionalcronologico202454587\/c-332-23\/\" class=\"_self\" target=\"_self\" >C-332-23<\/a><\/h4>\n<div class=\"pt-cv-content\">Expediente D-15.144 M.P. Jorge Enrique Ib\u00e1\u00f1ez Najar REP\u00daBLICA DE COLOMBIA CORTE CONSTITUCIONAL SENTENCIA C-332 DE 2023 Expediente: D-15.144 Acci\u00f3n p\u00fablica de inconstitucionalidad en contra del numeral tercero del art\u00edculo 3\u00ba de la Ley 1675 de 2013, \u201cpor medio de la cual se reglamentan los art\u00edculos 63, 70 y 72 de la Constituci\u00f3n Pol\u00edtica de Colombia en lo relativo al Patrimonio Cultural Sumergido\u201d Demandante: Carlos Fernando G\u00f3mez Ria\u00f1o Magistrado ponente: Jorge Enrique Ib\u00e1\u00f1ez Najar Bogot\u00e1 D.C., veintinueve (29) de agosto de dos mil veintitr\u00e9s (2023) La Sala Plena de la Corte Constitucional, en ejercicio de sus atribuciones constitucionales y legales, en ...<br \/><div class=\"pt-cv-rmwrap\"><a href=\"https:\/\/www.dmsjuridica.com\/buscador_20179478954\/corteconstitucionalcronologico202454587\/c-332-23\/\" class=\"_self pt-cv-readmore btn btn-success\" target=\"_self\">Ver Sentencia Completa...<\/a><\/div><\/div><\/div><\/div>\n<div class=\"col-md-12 col-sm-12 col-xs-12 pt-cv-content-item pt-cv-1-col\" ><div class='pt-cv-ifield'><a href=\"https:\/\/www.dmsjuridica.com\/buscador_20179478954\/corteconstitucionalcronologico202454587\/c-331-23\/\" class=\"_self pt-cv-href-thumbnail pt-cv-thumb-default\" target=\"_self\" ><\/a>\n<div class=\"pt-cv-taxoterm above_title\"><a href='https:\/\/www.dmsjuridica.com\/buscador_20179478954\/corteconstitucionalcronologico202454587\/category\/buscar-en-toda-la-corte\/2023\/sentencias-2023\/' title='Sentencias 2023' class='pt-cv-tax-sentencias-2023'>Sentencias 2023<\/a><\/div>\n<h4 class=\"pt-cv-title\"><a href=\"https:\/\/www.dmsjuridica.com\/buscador_20179478954\/corteconstitucionalcronologico202454587\/c-331-23\/\" class=\"_self\" target=\"_self\" >C-331-23<\/a><\/h4>\n<div class=\"pt-cv-content\">\u00a0 \u00a0 \u00a0 \u00a0 \u00a0 \u00a0 \u00a0 \u00a0\u00a0 DERECHO A LA DESCONEXI\u00d3N LABORAL-Garant\u00eda para trabajadores y servidores p\u00fablicos que desempe\u00f1an cargos de direcci\u00f3n, confianza y manejo \u00a0 Los trabajadores y servidores p\u00fablicos que desempe\u00f1an cargos de direcci\u00f3n, confianza y manejo, tienen derecho a la desconexi\u00f3n laboral, la cual no estar\u00e1 atada al l\u00edmite de la jornada laboral, pero sin que implique afectar el contenido m\u00ednimo del derecho fundamental al descanso. Para el efecto deber\u00e1n atenderse criterios de necesidad y proporcionalidad, de acuerdo con la naturaleza de sus funciones y las condiciones propias de su vinculaci\u00f3n laboral. \u00a0 COSA JUZGADA CONSTITUCIONAL-Finalidad\/COSA ...<br \/><div class=\"pt-cv-rmwrap\"><a href=\"https:\/\/www.dmsjuridica.com\/buscador_20179478954\/corteconstitucionalcronologico202454587\/c-331-23\/\" class=\"_self pt-cv-readmore btn btn-success\" target=\"_self\">Ver Sentencia Completa...<\/a><\/div><\/div><\/div><\/div>\n<div class=\"col-md-12 col-sm-12 col-xs-12 pt-cv-content-item pt-cv-1-col\" ><div class='pt-cv-ifield'><a href=\"https:\/\/www.dmsjuridica.com\/buscador_20179478954\/corteconstitucionalcronologico202454587\/c-324-23\/\" class=\"_self pt-cv-href-thumbnail pt-cv-thumb-default\" target=\"_self\" ><\/a>\n<div class=\"pt-cv-taxoterm above_title\"><a href='https:\/\/www.dmsjuridica.com\/buscador_20179478954\/corteconstitucionalcronologico202454587\/category\/buscar-en-toda-la-corte\/2023\/sentencias-2023\/' title='Sentencias 2023' class='pt-cv-tax-sentencias-2023'>Sentencias 2023<\/a><\/div>\n<h4 class=\"pt-cv-title\"><a href=\"https:\/\/www.dmsjuridica.com\/buscador_20179478954\/corteconstitucionalcronologico202454587\/c-324-23\/\" class=\"_self\" target=\"_self\" >C-324-23<\/a><\/h4>\n<div class=\"pt-cv-content\">\u00a0 \u00a0 HOMBRES TRANS Y PERSONAS NO BINARIAS-Derecho a disfrutar de la licencia en \u00e9poca del parto\u00a0 \u00a0 \u00a0\u00a0 (...) la superaci\u00f3n de la discriminaci\u00f3n normativa generada por dicha omisi\u00f3n consistir\u00e1 en extender a los hombres trans y personas no binarias la protecci\u00f3n del rol parental que garantiza la norma mediante la licencia en la \u00e9poca del parto. En consecuencia, de acuerdo con los remedios constitucionales que, por regla general, la jurisprudencia constitucional ha adoptado ante la configuraci\u00f3n de una omisi\u00f3n legislativa relativa, la Sala declarar\u00e1 la exequibilidad condicionada de las expresiones \u00abmujer\u00bb, \u00abtrabajadora\u00bb y \u00abmadre\u00bb contenidas en el art\u00edculo ...<br \/><div class=\"pt-cv-rmwrap\"><a href=\"https:\/\/www.dmsjuridica.com\/buscador_20179478954\/corteconstitucionalcronologico202454587\/c-324-23\/\" class=\"_self pt-cv-readmore btn btn-success\" target=\"_self\">Ver Sentencia Completa...<\/a><\/div><\/div><\/div><\/div>\n<div class=\"col-md-12 col-sm-12 col-xs-12 pt-cv-content-item pt-cv-1-col\" ><div class='pt-cv-ifield'><a href=\"https:\/\/www.dmsjuridica.com\/buscador_20179478954\/corteconstitucionalcronologico202454587\/c-322-23\/\" class=\"_self pt-cv-href-thumbnail pt-cv-thumb-default\" target=\"_self\" ><\/a>\n<div class=\"pt-cv-taxoterm above_title\"><a href='https:\/\/www.dmsjuridica.com\/buscador_20179478954\/corteconstitucionalcronologico202454587\/category\/buscar-en-toda-la-corte\/2023\/sentencias-2023\/' title='Sentencias 2023' class='pt-cv-tax-sentencias-2023'>Sentencias 2023<\/a><\/div>\n<h4 class=\"pt-cv-title\"><a href=\"https:\/\/www.dmsjuridica.com\/buscador_20179478954\/corteconstitucionalcronologico202454587\/c-322-23\/\" class=\"_self\" target=\"_self\" >C-322-23<\/a><\/h4>\n<div class=\"pt-cv-content\">TEMAS-SUBTEMAS Sentencia C-322\/23 DEMANDA DE INCONSTITUCIONALIDAD CONTRA NORMA QUE TIPIFICA EL ABORTO-Estarse a lo resuelto en las sentencias C-355 de 2006 y C-055 de 2022 COSA JUZGADA FORMAL-Configuraci\u00f3n COSA JUZGADA CONSTITUCIONAL-Tipolog\u00eda COSA JUZGADA-Efectos respecto de decisiones de exequibilidad e inexequibilidad COSA JUZGADA CONSTITUCIONAL-An\u00e1lisis en sentencias integradoras INHIBICION DE LA CORTE CONSTITUCIONAL-Incumplimiento de requisitos exigidos en cargo por violaci\u00f3n al principio de igualdad REP\u00daBLICA DE COLOMBIA CORTE CONSTITUCIONAL Sala Plena SENTENCIA C-322 de 2023 Referencia: Expediente D-13856. Demanda de inconstitucionalidad contra el art\u00edculo 122 de la Ley 599 de 2000. Demandante: Andr\u00e9s Mateo S\u00e1nchez Molina. Magistrada Ponente: Natalia \u00c1ngel Cabo. Bogot\u00e1, ...<br \/><div class=\"pt-cv-rmwrap\"><a href=\"https:\/\/www.dmsjuridica.com\/buscador_20179478954\/corteconstitucionalcronologico202454587\/c-322-23\/\" class=\"_self pt-cv-readmore btn btn-success\" target=\"_self\">Ver Sentencia Completa...<\/a><\/div><\/div><\/div><\/div>\n<div class=\"col-md-12 col-sm-12 col-xs-12 pt-cv-content-item pt-cv-1-col\" ><div class='pt-cv-ifield'><a href=\"https:\/\/www.dmsjuridica.com\/buscador_20179478954\/corteconstitucionalcronologico202454587\/c-318-23\/\" class=\"_self pt-cv-href-thumbnail pt-cv-thumb-default\" target=\"_self\" ><\/a>\n<div class=\"pt-cv-taxoterm above_title\"><a href='https:\/\/www.dmsjuridica.com\/buscador_20179478954\/corteconstitucionalcronologico202454587\/category\/buscar-en-toda-la-corte\/2023\/sentencias-2023\/' title='Sentencias 2023' class='pt-cv-tax-sentencias-2023'>Sentencias 2023<\/a><\/div>\n<h4 class=\"pt-cv-title\"><a href=\"https:\/\/www.dmsjuridica.com\/buscador_20179478954\/corteconstitucionalcronologico202454587\/c-318-23\/\" class=\"_self\" target=\"_self\" >C-318-23<\/a><\/h4>\n<div class=\"pt-cv-content\">TEMAS-SUBTEMAS Sentencia C-318\/23 SUPERINTENDENCIA DE SOCIEDADES-Facultad jurisdiccional para la resoluci\u00f3n de conflictos societarios es indeterminada y carece de definici\u00f3n precisa (...) la expresi\u00f3n \u201c\u20ac\u0153la resoluci\u00f3n de conflictos societarios\u201d\u20ac\u009d como parte del art\u00edculo 24, numeral 5, literal b), del CGP, es radicalmente indeterminada, lo que torna imprecisa la facultad jurisdiccional que le otorg\u00f3 el legislador a la Superintendencia de Sociedades. Uno de los par\u00e1metros constitucionales que gobiernan la atribuci\u00f3n de funciones jurisdiccionales a las autoridades administrativas se refiere a la necesidad de que las facultades otorgadas sean precisas. Ese deber de precisi\u00f3n requiere una definici\u00f3n clara, puntual, fija y cierta de ...<br \/><div class=\"pt-cv-rmwrap\"><a href=\"https:\/\/www.dmsjuridica.com\/buscador_20179478954\/corteconstitucionalcronologico202454587\/c-318-23\/\" class=\"_self pt-cv-readmore btn btn-success\" target=\"_self\">Ver Sentencia Completa...<\/a><\/div><\/div><\/div><\/div>\n<div class=\"col-md-12 col-sm-12 col-xs-12 pt-cv-content-item pt-cv-1-col\" ><div class='pt-cv-ifield'><a href=\"https:\/\/www.dmsjuridica.com\/buscador_20179478954\/corteconstitucionalcronologico202454587\/c-315-23\/\" class=\"_self pt-cv-href-thumbnail pt-cv-thumb-default\" target=\"_self\" ><\/a>\n<div class=\"pt-cv-taxoterm above_title\"><a href='https:\/\/www.dmsjuridica.com\/buscador_20179478954\/corteconstitucionalcronologico202454587\/category\/buscar-en-toda-la-corte\/2023\/sentencias-2023\/' title='Sentencias 2023' class='pt-cv-tax-sentencias-2023'>Sentencias 2023<\/a><\/div>\n<h4 class=\"pt-cv-title\"><a href=\"https:\/\/www.dmsjuridica.com\/buscador_20179478954\/corteconstitucionalcronologico202454587\/c-315-23\/\" class=\"_self\" target=\"_self\" >C-315-23<\/a><\/h4>\n<div class=\"pt-cv-content\">TEMAS-SUBTEMAS Sentencia C-315\/23 SOCIEDAD FAMILIAR-Validez de la sociedad comercial conformada por compa\u00f1eros permanentes de parejas de distinto o del mismo sexo (...) la Corte Constitucional debe excluir del ordenamiento jur\u00eddico la interpretaci\u00f3n del vocablo \u00e2\u20ac\u02dcc\u00f3nyuges\u00e2\u20ac\u2122 del art\u00edculo 102 del C\u00f3digo de Comercio seg\u00fan la cual solamente es v\u00e1lida la sociedad comercial constituida por una pareja heterosexual unida por un contrato de matrimonio. En consecuencia, esta sentencia declarar\u00e1 exequible condicionadamente la expresi\u00f3n \u00e2\u20ac\u02dcc\u00f3nyuges\u00e2\u20ac\u2122 contenida el art\u00edculo 102 del C\u00f3digo de Comercio por el cargo examinado, bajo el entendido que ese t\u00e9rmino se refiere, en igualdad de derechos y deberes, a los ...<br \/><div class=\"pt-cv-rmwrap\"><a href=\"https:\/\/www.dmsjuridica.com\/buscador_20179478954\/corteconstitucionalcronologico202454587\/c-315-23\/\" class=\"_self pt-cv-readmore btn btn-success\" target=\"_self\">Ver Sentencia Completa...<\/a><\/div><\/div><\/div><\/div>\n<div class=\"col-md-12 col-sm-12 col-xs-12 pt-cv-content-item pt-cv-1-col\" ><div class='pt-cv-ifield'><a href=\"https:\/\/www.dmsjuridica.com\/buscador_20179478954\/corteconstitucionalcronologico202454587\/c-307-23\/\" class=\"_self pt-cv-href-thumbnail pt-cv-thumb-default\" target=\"_self\" ><\/a>\n<div class=\"pt-cv-taxoterm above_title\"><a href='https:\/\/www.dmsjuridica.com\/buscador_20179478954\/corteconstitucionalcronologico202454587\/category\/buscar-en-toda-la-corte\/2023\/sentencias-2023\/' title='Sentencias 2023' class='pt-cv-tax-sentencias-2023'>Sentencias 2023<\/a><\/div>\n<h4 class=\"pt-cv-title\"><a href=\"https:\/\/www.dmsjuridica.com\/buscador_20179478954\/corteconstitucionalcronologico202454587\/c-307-23\/\" class=\"_self\" target=\"_self\" >C-307-23<\/a><\/h4>\n<div class=\"pt-cv-content\">\u00a0 \u00a0 DEFENSOR P\u00daBLICO-Vinculaci\u00f3n mediante contrato de prestaci\u00f3n de servicios profesionales\/DEFENSOR P\u00daBLICO-Particular que presta un servicio p\u00fablico \u00a0 \u00a0\u00a0 (\u2026) el legislador decidi\u00f3 -en uso de su libertad y haciendo un an\u00e1lisis de conveniencia- que los defensores p\u00fablicos ser\u00edan contratistas que prestar\u00edan un servicio p\u00fablico. Esta fue una elecci\u00f3n del legislador que no contradice, espec\u00edficamente, los contenidos del art\u00edculo 125 de la Constituci\u00f3n. Especialmente porque de este \u00faltimo art\u00edculo no se sigue que todo el que preste un servicio p\u00fablico deba ser reconocido como un empleado p\u00fablico y, en consecuencia, deba ser nombrado, necesariamente, a trav\u00e9s de un sistema de ...<br \/><div class=\"pt-cv-rmwrap\"><a href=\"https:\/\/www.dmsjuridica.com\/buscador_20179478954\/corteconstitucionalcronologico202454587\/c-307-23\/\" class=\"_self pt-cv-readmore btn btn-success\" target=\"_self\">Ver Sentencia Completa...<\/a><\/div><\/div><\/div><\/div>\n<div class=\"col-md-12 col-sm-12 col-xs-12 pt-cv-content-item pt-cv-1-col\" ><div class='pt-cv-ifield'><a href=\"https:\/\/www.dmsjuridica.com\/buscador_20179478954\/corteconstitucionalcronologico202454587\/c-305-23\/\" class=\"_self pt-cv-href-thumbnail pt-cv-thumb-default\" target=\"_self\" ><\/a>\n<div class=\"pt-cv-taxoterm above_title\"><a href='https:\/\/www.dmsjuridica.com\/buscador_20179478954\/corteconstitucionalcronologico202454587\/category\/buscar-en-toda-la-corte\/2023\/sentencias-2023\/' title='Sentencias 2023' class='pt-cv-tax-sentencias-2023'>Sentencias 2023<\/a><\/div>\n<h4 class=\"pt-cv-title\"><a href=\"https:\/\/www.dmsjuridica.com\/buscador_20179478954\/corteconstitucionalcronologico202454587\/c-305-23\/\" class=\"_self\" target=\"_self\" >C-305-23<\/a><\/h4>\n<div class=\"pt-cv-content\">\u00a0 \u00a0 DEMANDA DE INCONSTITUCIONALIDAD-Requisitos m\u00ednimos \u00a0 \u00a0\u00a0 CONCEPTO DE VIOLACION EN DEMANDA DE INCONSTITUCIONALIDAD-Jurisprudencia constitucional \u00a0 \u00a0\u00a0 INHIBICION DE LA CORTE CONSTITUCIONAL-Ineptitud sustantiva de la demanda por presunta violaci\u00f3n del debido proceso \u00a0 \u00a0\u00a0 INHIBICION DE LA CORTE CONSTITUCIONAL POR INEPTITUD SUSTANTIVA DE LA DEMANDA-Incumplimiento de requisitos de claridad, certeza, especificidad, pertinencia y suficiencia en los cargos \u00a0 \u00a0\u00a0 \u00a0\u00a0 \u00a0\u00a0 REP\u00daBLICA DE COLOMBIA \u00a0 \u00a0 CORTE CONSTITUCIONAL \u00a0 Sala Plena \u00a0 \u00a0\u00a0 Sentencia C-305 de 2023 \u00a0 \u00a0\u00a0 Expediente: D-14.804. \u00a0 \u00a0\u00a0 Demanda contra el par\u00e1grafo del art\u00edculo 225A de la Ley 1952 de 2019, adicionado por el ...<br \/><div class=\"pt-cv-rmwrap\"><a href=\"https:\/\/www.dmsjuridica.com\/buscador_20179478954\/corteconstitucionalcronologico202454587\/c-305-23\/\" class=\"_self pt-cv-readmore btn btn-success\" target=\"_self\">Ver Sentencia Completa...<\/a><\/div><\/div><\/div><\/div>\n<div class=\"col-md-12 col-sm-12 col-xs-12 pt-cv-content-item pt-cv-1-col\" ><div class='pt-cv-ifield'><a href=\"https:\/\/www.dmsjuridica.com\/buscador_20179478954\/corteconstitucionalcronologico202454587\/c-302-23\/\" class=\"_self pt-cv-href-thumbnail pt-cv-thumb-default\" target=\"_self\" ><\/a>\n<div class=\"pt-cv-taxoterm above_title\"><a href='https:\/\/www.dmsjuridica.com\/buscador_20179478954\/corteconstitucionalcronologico202454587\/category\/buscar-en-toda-la-corte\/2023\/sentencias-2023\/' title='Sentencias 2023' class='pt-cv-tax-sentencias-2023'>Sentencias 2023<\/a><\/div>\n<h4 class=\"pt-cv-title\"><a href=\"https:\/\/www.dmsjuridica.com\/buscador_20179478954\/corteconstitucionalcronologico202454587\/c-302-23\/\" class=\"_self\" target=\"_self\" >C-302-23<\/a><\/h4>\n<div class=\"pt-cv-content\">\u00a0 \u00a0 DECRETO ESTATUTARIO QUE REGLAMENTA LA ELECCI\u00d3N DE LAS CIRCUNSCRIPCIONES TRANSITORIAS ESPECIALES DE PAZ-Omisi\u00f3n del deber de env\u00edo para el control previo de constitucionalidad \u00a0 \u00a0\u00a0 La Sala Plena ha verificado tres elementos: que el decreto objeto de control se refiere a materias objeto de la reserva estatutaria; que el precedente constitucional ordena que el control de ese tipo de normas sea previo; y la omisi\u00f3n del presidente de la Rep\u00fablica de remitirle previamente tal decreto a este tribunal. Por esas razones, la Corte concluye que se incurri\u00f3 en un vicio insubsanable que impone la inexequibilidad de todo el ...<br \/><div class=\"pt-cv-rmwrap\"><a href=\"https:\/\/www.dmsjuridica.com\/buscador_20179478954\/corteconstitucionalcronologico202454587\/c-302-23\/\" class=\"_self pt-cv-readmore btn btn-success\" target=\"_self\">Ver Sentencia Completa...<\/a><\/div><\/div><\/div><\/div>\n<div class=\"col-md-12 col-sm-12 col-xs-12 pt-cv-content-item pt-cv-1-col\" ><div class='pt-cv-ifield'><a href=\"https:\/\/www.dmsjuridica.com\/buscador_20179478954\/corteconstitucionalcronologico202454587\/c-301-23\/\" class=\"_self pt-cv-href-thumbnail pt-cv-thumb-default\" target=\"_self\" ><\/a>\n<div class=\"pt-cv-taxoterm above_title\"><a href='https:\/\/www.dmsjuridica.com\/buscador_20179478954\/corteconstitucionalcronologico202454587\/category\/buscar-en-toda-la-corte\/2023\/sentencias-2023\/' title='Sentencias 2023' class='pt-cv-tax-sentencias-2023'>Sentencias 2023<\/a><\/div>\n<h4 class=\"pt-cv-title\"><a href=\"https:\/\/www.dmsjuridica.com\/buscador_20179478954\/corteconstitucionalcronologico202454587\/c-301-23\/\" class=\"_self\" target=\"_self\" >C-301-23<\/a><\/h4>\n<div class=\"pt-cv-content\">\u00a0 \u00a0 PERITO-Edad m\u00ednima de 18 a\u00f1os para ejercer la funci\u00f3n en el proceso penal no vulnera el principio de igualdad \u00a0 \u00a0\u00a0 La disposici\u00f3n que aqu\u00ed se examina no crea un trato discriminatorio respecto de los menores que no pueden fungir como peritos. Por el contrario, dicha norma se refiere a la posibilidad de que un experto -profesional o no-, intervenga como voz cualificada, en un proceso penal, cuyo resultado tiene un alto impacto en los derechos fundamentales de los procesados y, adem\u00e1s, propende por la protecci\u00f3n de la seguridad personal e integridad de los menores. De modo que ...<br \/><div class=\"pt-cv-rmwrap\"><a href=\"https:\/\/www.dmsjuridica.com\/buscador_20179478954\/corteconstitucionalcronologico202454587\/c-301-23\/\" class=\"_self pt-cv-readmore btn btn-success\" target=\"_self\">Ver Sentencia Completa...<\/a><\/div><\/div><\/div><\/div>\n<div class=\"col-md-12 col-sm-12 col-xs-12 pt-cv-content-item pt-cv-1-col\" ><div class='pt-cv-ifield'><a href=\"https:\/\/www.dmsjuridica.com\/buscador_20179478954\/corteconstitucionalcronologico202454587\/c-292-23\/\" class=\"_self pt-cv-href-thumbnail pt-cv-thumb-default\" target=\"_self\" ><\/a>\n<div class=\"pt-cv-taxoterm above_title\"><a href='https:\/\/www.dmsjuridica.com\/buscador_20179478954\/corteconstitucionalcronologico202454587\/category\/buscar-en-toda-la-corte\/2023\/sentencias-2023\/' title='Sentencias 2023' class='pt-cv-tax-sentencias-2023'>Sentencias 2023<\/a><\/div>\n<h4 class=\"pt-cv-title\"><a href=\"https:\/\/www.dmsjuridica.com\/buscador_20179478954\/corteconstitucionalcronologico202454587\/c-292-23\/\" class=\"_self\" target=\"_self\" >C-292-23<\/a><\/h4>\n<div class=\"pt-cv-content\">\u00a0 \u00a0 ACCION PUBLICA DE INCONSTITUCIONALIDAD-Eficacia del principio pro actione y cumplimiento de requisitos argumentativos m\u00ednimos \u00a0 INHIBICION DE LA CORTE CONSTITUCIONAL POR INEPTITUD SUSTANTIVA DE LA DEMANDA-Incumplimiento de requisitos de certeza, especificidad, pertinencia y suficiencia en los cargos \u00a0 \u00a0\u00a0 INHIBICION DE LA CORTE CONSTITUCIONAL-Criterio subjetivo sobre norma demandada \u00a0 \u00a0\u00a0 DEROGATORIA DE LEY-Clases\/DEROGATORIA TACITA, EXPRESA Y ORGANICA-Distinci\u00f3n \u00a0 \u00a0\u00a0 \u00a0\u00a0 \u00a0\u00a0 REP\u00daBLICA DE COLOMBIA \u00a0 \u00a0 CORTE CONSTITUCIONAL \u00a0 Sala Plena \u00a0 \u00a0\u00a0 SENTENCIA C-292 de 2023\u00a0 \u00a0 \u00a0\u00a0 Referencia: expediente D-14.987 \u00a0 \u00a0\u00a0 Demanda de inconstitucionalidad contra el literal f, numeral 2, del art\u00edculo 60 del Decreto ...<br \/><div class=\"pt-cv-rmwrap\"><a href=\"https:\/\/www.dmsjuridica.com\/buscador_20179478954\/corteconstitucionalcronologico202454587\/c-292-23\/\" class=\"_self pt-cv-readmore btn btn-success\" target=\"_self\">Ver Sentencia Completa...<\/a><\/div><\/div><\/div><\/div>\n<div class=\"col-md-12 col-sm-12 col-xs-12 pt-cv-content-item pt-cv-1-col\" ><div class='pt-cv-ifield'><a href=\"https:\/\/www.dmsjuridica.com\/buscador_20179478954\/corteconstitucionalcronologico202454587\/c-281-23\/\" class=\"_self pt-cv-href-thumbnail pt-cv-thumb-default\" target=\"_self\" ><\/a>\n<div class=\"pt-cv-taxoterm above_title\"><a href='https:\/\/www.dmsjuridica.com\/buscador_20179478954\/corteconstitucionalcronologico202454587\/category\/buscar-en-toda-la-corte\/2023\/sentencias-2023\/' title='Sentencias 2023' class='pt-cv-tax-sentencias-2023'>Sentencias 2023<\/a><\/div>\n<h4 class=\"pt-cv-title\"><a href=\"https:\/\/www.dmsjuridica.com\/buscador_20179478954\/corteconstitucionalcronologico202454587\/c-281-23\/\" class=\"_self\" target=\"_self\" >C-281-23<\/a><\/h4>\n<div class=\"pt-cv-content\">TEMAS-SUBTEMAS Sentencia C-281\/23 SISTEMA DE RESPONSABILIDAD PENAL PARA ADOLESCENTES-Prohibici\u00f3n de celebrar acuerdos entre la Fiscal\u00eda y la defensa La Sala considera mayoritariamente la exequibilidad del aparte de la decisi\u00f3n acusada y as\u00ed lo declarar\u00e1 en la parte resolutiva. Con todo, precisa que tal disposici\u00f3n -prohibici\u00f3n- la encuentra avenida a la Constituci\u00f3n en raz\u00f3n a que como se desarroll\u00f3 a lo largo de la sentencia, el traslado autom\u00e1tico de la figura de los preacuerdos de la Ley 906 de 2004 no resulta factible ni conveniente de cara a los fines del Sistema Penal de Responsabilidad para Adolescentes, su finalidad de justicia ...<br \/><div class=\"pt-cv-rmwrap\"><a href=\"https:\/\/www.dmsjuridica.com\/buscador_20179478954\/corteconstitucionalcronologico202454587\/c-281-23\/\" class=\"_self pt-cv-readmore btn btn-success\" target=\"_self\">Ver Sentencia Completa...<\/a><\/div><\/div><\/div><\/div>\n<div class=\"col-md-12 col-sm-12 col-xs-12 pt-cv-content-item pt-cv-1-col\" ><div class='pt-cv-ifield'><a href=\"https:\/\/www.dmsjuridica.com\/buscador_20179478954\/corteconstitucionalcronologico202454587\/c-270-23\/\" class=\"_self pt-cv-href-thumbnail pt-cv-thumb-default\" target=\"_self\" ><\/a>\n<div class=\"pt-cv-taxoterm above_title\"><a href='https:\/\/www.dmsjuridica.com\/buscador_20179478954\/corteconstitucionalcronologico202454587\/category\/buscar-en-toda-la-corte\/2023\/sentencias-2023\/' title='Sentencias 2023' class='pt-cv-tax-sentencias-2023'>Sentencias 2023<\/a><\/div>\n<h4 class=\"pt-cv-title\"><a href=\"https:\/\/www.dmsjuridica.com\/buscador_20179478954\/corteconstitucionalcronologico202454587\/c-270-23\/\" class=\"_self\" target=\"_self\" >C-270-23<\/a><\/h4>\n<div class=\"pt-cv-content\">Expediente D-14.868 P\u00e1gina \u00a0de\u00a0 REP\u00daBLICA DE COLOMBIA CORTE CONSTITUCIONAL Sala Plena SENTENCIA C-270 de 2023 Referencia: Expediente D-14.868 Asunto: Demanda de inconstitucionalidad en contra del art\u00edculo 142 (parcial) del Decreto Ley 19 de 2012, que modific\u00f3 el art\u00edculo 41 de la Ley 100 de 1993. Demandante: Jos\u00e9 Guillermo Espinosa Hios Magistrado Sustanciador: Antonio Jos\u00e9 Lizarazo Ocampo Bogot\u00e1 D.C., diecinueve (19) de julio de dos mil veintitr\u00e9s (2023) La Sala Plena de la Corte Constitucional, con fundamento en el art\u00edculo 241.5 de la Constituci\u00f3n y cumplido el procedimiento previsto en el Decreto Ley 2067 de 1991, decide sobre la demanda presentada ...<br \/><div class=\"pt-cv-rmwrap\"><a href=\"https:\/\/www.dmsjuridica.com\/buscador_20179478954\/corteconstitucionalcronologico202454587\/c-270-23\/\" class=\"_self pt-cv-readmore btn btn-success\" target=\"_self\">Ver Sentencia Completa...<\/a><\/div><\/div><\/div><\/div>\n<div class=\"col-md-12 col-sm-12 col-xs-12 pt-cv-content-item pt-cv-1-col\" ><div class='pt-cv-ifield'><a href=\"https:\/\/www.dmsjuridica.com\/buscador_20179478954\/corteconstitucionalcronologico202454587\/c-262-23\/\" class=\"_self pt-cv-href-thumbnail pt-cv-thumb-default\" target=\"_self\" ><\/a>\n<div class=\"pt-cv-taxoterm above_title\"><a href='https:\/\/www.dmsjuridica.com\/buscador_20179478954\/corteconstitucionalcronologico202454587\/category\/buscar-en-toda-la-corte\/2023\/sentencias-2023\/' title='Sentencias 2023' class='pt-cv-tax-sentencias-2023'>Sentencias 2023<\/a><\/div>\n<h4 class=\"pt-cv-title\"><a href=\"https:\/\/www.dmsjuridica.com\/buscador_20179478954\/corteconstitucionalcronologico202454587\/c-262-23\/\" class=\"_self\" target=\"_self\" >C-262-23<\/a><\/h4>\n<div class=\"pt-cv-content\">Expediente D-15040 REP\u00daBLICA DE COLOMBIA Corte Constitucional -Sala Plena- SENTENCIA C-262 DE 2023 Referencia: Expediente D-15040 Demanda de inconstitucionalidad contra los art\u00edculos 2\u00b0 (parcial), 12 y 18 de la Ley 2272 de 2022, \u201c[p]or medio de la cual se modifica, adiciona y prorroga la ley 418 de 1997, prorrogada, modificada y adicionada por las leyes 548 de 1999, 782 de 2002, 1106 de 2006, 1421 de 2010, 1738 de 2014, 1941 de 2018, se define la pol\u00edtica de paz de Estado, se crea el servicio social para la paz, y se dictan otras disposiciones\u201d. Actor: Magistrado ponente: ALEJANDRO LINARES CANTILLO ...<br \/><div class=\"pt-cv-rmwrap\"><a href=\"https:\/\/www.dmsjuridica.com\/buscador_20179478954\/corteconstitucionalcronologico202454587\/c-262-23\/\" class=\"_self pt-cv-readmore btn btn-success\" target=\"_self\">Ver Sentencia Completa...<\/a><\/div><\/div><\/div><\/div>\n<div class=\"col-md-12 col-sm-12 col-xs-12 pt-cv-content-item pt-cv-1-col\" ><div class='pt-cv-ifield'><a href=\"https:\/\/www.dmsjuridica.com\/buscador_20179478954\/corteconstitucionalcronologico202454587\/c-260-23\/\" class=\"_self pt-cv-href-thumbnail pt-cv-thumb-default\" target=\"_self\" ><\/a>\n<div class=\"pt-cv-taxoterm above_title\"><a href='https:\/\/www.dmsjuridica.com\/buscador_20179478954\/corteconstitucionalcronologico202454587\/category\/buscar-en-toda-la-corte\/2023\/sentencias-2023\/' title='Sentencias 2023' class='pt-cv-tax-sentencias-2023'>Sentencias 2023<\/a><\/div>\n<h4 class=\"pt-cv-title\"><a href=\"https:\/\/www.dmsjuridica.com\/buscador_20179478954\/corteconstitucionalcronologico202454587\/c-260-23\/\" class=\"_self\" target=\"_self\" >C-260-23<\/a><\/h4>\n<div class=\"pt-cv-content\">\u00a0\u00a0 (\u2026) para proteger a las personas en situaci\u00f3n de discapacidad de injerencias indebidas y garantizar que el testamento sea una expresi\u00f3n real de su voluntad, no es necesario limitar las modalidades de testamento que tienen a su disposici\u00f3n. Los avances tecnol\u00f3gicos y las modificaciones legales que reconocen la capacidad jur\u00eddica plena de esas personas hacen posible aquello que era impensable hace ciento cincuenta a\u00f1os. Esto es, permitir que las personas en situaci\u00f3n de discapacidad puedan otorgar testamentos abiertos y cerrados, sin ninguna restricci\u00f3n, y solo empleando para ello los ajustes y apoyos que requieran para la comunicaci\u00f3n y la ...<br \/><div class=\"pt-cv-rmwrap\"><a href=\"https:\/\/www.dmsjuridica.com\/buscador_20179478954\/corteconstitucionalcronologico202454587\/c-260-23\/\" class=\"_self pt-cv-readmore btn btn-success\" target=\"_self\">Ver Sentencia Completa...<\/a><\/div><\/div><\/div><\/div>\n<div class=\"col-md-12 col-sm-12 col-xs-12 pt-cv-content-item pt-cv-1-col\" ><div class='pt-cv-ifield'><a href=\"https:\/\/www.dmsjuridica.com\/buscador_20179478954\/corteconstitucionalcronologico202454587\/c-259-23\/\" class=\"_self pt-cv-href-thumbnail pt-cv-thumb-default\" target=\"_self\" ><\/a>\n<div class=\"pt-cv-taxoterm above_title\"><a href='https:\/\/www.dmsjuridica.com\/buscador_20179478954\/corteconstitucionalcronologico202454587\/category\/buscar-en-toda-la-corte\/2023\/sentencias-2023\/' title='Sentencias 2023' class='pt-cv-tax-sentencias-2023'>Sentencias 2023<\/a><\/div>\n<h4 class=\"pt-cv-title\"><a href=\"https:\/\/www.dmsjuridica.com\/buscador_20179478954\/corteconstitucionalcronologico202454587\/c-259-23\/\" class=\"_self\" target=\"_self\" >C-259-23<\/a><\/h4>\n<div class=\"pt-cv-content\">TEMAS-SUBTEMAS Sentencia C-259\/23 BONOS PENSIONALES-Diferenciaci\u00f3n en la forma de liquidaci\u00f3n para afiliados activos y cesantes a 30 de junio de 1992 no vulnera el derecho a la igualdad CONCEPTO DE VIOLACION EN DEMANDA DE INCONSTITUCIONALIDAD-Exigencias argumentativas JUICIO INTEGRADO DE IGUALDAD-Contenido JUICIO INTEGRADO DE IGUALDAD-Etapas de su an\u00e1lisis y modalidades del test de igualdad seg\u00fan el grado de intensidad El juicio consta de dos pasos: en el primero se define la intensidad del juicio (d\u00e9bil, intermedio o estricto), a partir de la mayor o menor libertad de configuraci\u00f3n que reconoce el ordenamiento constitucional al legislador en la materia espec\u00edfica de que ...<br \/><div class=\"pt-cv-rmwrap\"><a href=\"https:\/\/www.dmsjuridica.com\/buscador_20179478954\/corteconstitucionalcronologico202454587\/c-259-23\/\" class=\"_self pt-cv-readmore btn btn-success\" target=\"_self\">Ver Sentencia Completa...<\/a><\/div><\/div><\/div><\/div>\n<div class=\"col-md-12 col-sm-12 col-xs-12 pt-cv-content-item pt-cv-1-col\" ><div class='pt-cv-ifield'><a href=\"https:\/\/www.dmsjuridica.com\/buscador_20179478954\/corteconstitucionalcronologico202454587\/c-258-23\/\" class=\"_self pt-cv-href-thumbnail pt-cv-thumb-default\" target=\"_self\" ><\/a>\n<div class=\"pt-cv-taxoterm above_title\"><a href='https:\/\/www.dmsjuridica.com\/buscador_20179478954\/corteconstitucionalcronologico202454587\/category\/buscar-en-toda-la-corte\/2023\/sentencias-2023\/' title='Sentencias 2023' class='pt-cv-tax-sentencias-2023'>Sentencias 2023<\/a><\/div>\n<h4 class=\"pt-cv-title\"><a href=\"https:\/\/www.dmsjuridica.com\/buscador_20179478954\/corteconstitucionalcronologico202454587\/c-258-23\/\" class=\"_self\" target=\"_self\" >C-258-23<\/a><\/h4>\n<div class=\"pt-cv-content\">\u00a0 \u00a0 EXCEPCI\u00d3N A LA OBLIGACI\u00d3N DE PAGO EN PLAZOS JUSTOS EN EL \u00c1MBITO MERCANTIL-Aplica a Mipymes deudoras de grandes empresas \u00a0 \u00a0\u00a0 OMISION LEGISLATIVA RELATIVA-Configuraci\u00f3n \u00a0 \u00a0\u00a0 La Sala Plena concluy\u00f3 que en el presente caso se cumplen los requisitos para configurar una omisi\u00f3n legislativa relativa, por cuanto: (a) la norma demandada - \u00a0el art\u00edculo 3 de la Ley 2024 de 2020 - exime de la aplicaci\u00f3n de los plazos en ella previstos a las operaciones mercantiles realizadas entre grandes empresas, pero no extiende dicha consecuencia a las mipymes que fungen como deudoras de grandes empresas; (b) dicho tratamiento ...<br \/><div class=\"pt-cv-rmwrap\"><a href=\"https:\/\/www.dmsjuridica.com\/buscador_20179478954\/corteconstitucionalcronologico202454587\/c-258-23\/\" class=\"_self pt-cv-readmore btn btn-success\" target=\"_self\">Ver Sentencia Completa...<\/a><\/div><\/div><\/div><\/div>\n<div class=\"col-md-12 col-sm-12 col-xs-12 pt-cv-content-item pt-cv-1-col\" ><div class='pt-cv-ifield'><a href=\"https:\/\/www.dmsjuridica.com\/buscador_20179478954\/corteconstitucionalcronologico202454587\/c-227-23\/\" class=\"_self pt-cv-href-thumbnail pt-cv-thumb-default\" target=\"_self\" ><\/a>\n<div class=\"pt-cv-taxoterm above_title\"><a href='https:\/\/www.dmsjuridica.com\/buscador_20179478954\/corteconstitucionalcronologico202454587\/category\/buscar-en-toda-la-corte\/2023\/sentencias-2023\/' title='Sentencias 2023' class='pt-cv-tax-sentencias-2023'>Sentencias 2023<\/a><\/div>\n<h4 class=\"pt-cv-title\"><a href=\"https:\/\/www.dmsjuridica.com\/buscador_20179478954\/corteconstitucionalcronologico202454587\/c-227-23\/\" class=\"_self\" target=\"_self\" >C-227-23<\/a><\/h4>\n<div class=\"pt-cv-content\">TEMAS-SUBTEMAS Sentencia C-227\/23 COSA JUZGADA CONSTITUCIONAL RELATIVA-Configuraci\u00f3n COSA JUZGADA CONSTITUCIONAL-Inexistencia por cargos distintos COSA JUZGADA CONSTITUCIONAL-Requisitos para su configuraci\u00f3n COSA JUZGADA CONSTITUCIONAL-Tipolog\u00eda DERECHO AL M\u00cdNIMO VITAL EN MATERIA PENSIONAL-Alcance y contenido La Corte Constitucional reconoce que el sistema de seguridad social en pensiones persigue el fin de procurar el bienestar y mejorar la calidad de vida de las personas a trav\u00e9s de la protecci\u00f3n de las contingencias que surgen por la vejez, la invalidez o la muerte. Adem\u00e1s, esta Corte define la pensi\u00f3n como \u201cuna prestaci\u00f3n monetaria [cuya] funci\u00f3n es la de proveer los medios econ\u00f3micos suficientes para el cubrimiento ...<br \/><div class=\"pt-cv-rmwrap\"><a href=\"https:\/\/www.dmsjuridica.com\/buscador_20179478954\/corteconstitucionalcronologico202454587\/c-227-23\/\" class=\"_self pt-cv-readmore btn btn-success\" target=\"_self\">Ver Sentencia Completa...<\/a><\/div><\/div><\/div><\/div>\n<div class=\"col-md-12 col-sm-12 col-xs-12 pt-cv-content-item pt-cv-1-col\" ><div class='pt-cv-ifield'><a href=\"https:\/\/www.dmsjuridica.com\/buscador_20179478954\/corteconstitucionalcronologico202454587\/c-209-23\/\" class=\"_self pt-cv-href-thumbnail pt-cv-thumb-default\" target=\"_self\" ><\/a>\n<div class=\"pt-cv-taxoterm above_title\"><a href='https:\/\/www.dmsjuridica.com\/buscador_20179478954\/corteconstitucionalcronologico202454587\/category\/buscar-en-toda-la-corte\/2023\/sentencias-2023\/' title='Sentencias 2023' class='pt-cv-tax-sentencias-2023'>Sentencias 2023<\/a><\/div>\n<h4 class=\"pt-cv-title\"><a href=\"https:\/\/www.dmsjuridica.com\/buscador_20179478954\/corteconstitucionalcronologico202454587\/c-209-23\/\" class=\"_self\" target=\"_self\" >C-209-23<\/a><\/h4>\n<div class=\"pt-cv-content\">\u00a0 \u00a0 DECRETO LEY QUE REGULA EL PROCEDIMIENTO ADMINISTRATIVO SANCIONATORIO FISCAL-Presidente de la Rep\u00fablica se extralimit\u00f3 en el ejercicio de la competencia legislativa conferida por el constituyente derivado \u00a0 El tribunal observ\u00f3, en primer lugar, que las normas demandadas no abordan ninguna de las materias relacionadas en el par\u00e1grafo transitorio. En segundo t\u00e9rmino, con fundamento en el hallazgo reci\u00e9n se\u00f1alado, el plenario dedujo que la mayor parte de la regulaci\u00f3n contenida en los art\u00edculos enjuiciados no presenta conexidad material alguna con las modificaciones que implic\u00f3 la reforma. Como corolario de lo anterior, estableci\u00f3 que la inclusi\u00f3n de tales disposiciones en ...<br \/><div class=\"pt-cv-rmwrap\"><a href=\"https:\/\/www.dmsjuridica.com\/buscador_20179478954\/corteconstitucionalcronologico202454587\/c-209-23\/\" class=\"_self pt-cv-readmore btn btn-success\" target=\"_self\">Ver Sentencia Completa...<\/a><\/div><\/div><\/div><\/div>\n<div class=\"col-md-12 col-sm-12 col-xs-12 pt-cv-content-item pt-cv-1-col\" ><div class='pt-cv-ifield'><a href=\"https:\/\/www.dmsjuridica.com\/buscador_20179478954\/corteconstitucionalcronologico202454587\/c-208-23\/\" class=\"_self pt-cv-href-thumbnail pt-cv-thumb-default\" target=\"_self\" ><\/a>\n<div class=\"pt-cv-taxoterm above_title\"><a href='https:\/\/www.dmsjuridica.com\/buscador_20179478954\/corteconstitucionalcronologico202454587\/category\/buscar-en-toda-la-corte\/2023\/sentencias-2023\/' title='Sentencias 2023' class='pt-cv-tax-sentencias-2023'>Sentencias 2023<\/a><\/div>\n<h4 class=\"pt-cv-title\"><a href=\"https:\/\/www.dmsjuridica.com\/buscador_20179478954\/corteconstitucionalcronologico202454587\/c-208-23\/\" class=\"_self\" target=\"_self\" >C-208-23<\/a><\/h4>\n<div class=\"pt-cv-content\">\u00a0 \u00a0 CONDENA JUDICIAL A ENTIDAD P\u00daBLICA-Plazo de diez meses para el pago de condenas de pensiones busca garantizar principios del sistema presupuestal \u00a0 \u00a0\u00a0 (\u2026) la norma demandada contiene una medida razonable y proporcionada, en tanto contribuye al logro de una finalidad importante para el ordenamiento constitucional, esto es la garant\u00eda de la legalidad del gasto p\u00fablico, y la materializaci\u00f3n de los principios de planeaci\u00f3n y anualidad presupuestal. Es efectivamente conducente para el logro de ese fin, y no es evidentemente desproporcionada respecto de la garant\u00eda de los derechos a la seguridad social, al m\u00ednimo vital y a la ...<br \/><div class=\"pt-cv-rmwrap\"><a href=\"https:\/\/www.dmsjuridica.com\/buscador_20179478954\/corteconstitucionalcronologico202454587\/c-208-23\/\" class=\"_self pt-cv-readmore btn btn-success\" target=\"_self\">Ver Sentencia Completa...<\/a><\/div><\/div><\/div><\/div>\n<div class=\"col-md-12 col-sm-12 col-xs-12 pt-cv-content-item pt-cv-1-col\" ><div class='pt-cv-ifield'><a href=\"https:\/\/www.dmsjuridica.com\/buscador_20179478954\/corteconstitucionalcronologico202454587\/c-207-23\/\" class=\"_self pt-cv-href-thumbnail pt-cv-thumb-default\" target=\"_self\" ><\/a>\n<div class=\"pt-cv-taxoterm above_title\"><a href='https:\/\/www.dmsjuridica.com\/buscador_20179478954\/corteconstitucionalcronologico202454587\/category\/buscar-en-toda-la-corte\/2023\/sentencias-2023\/' title='Sentencias 2023' class='pt-cv-tax-sentencias-2023'>Sentencias 2023<\/a><\/div>\n<h4 class=\"pt-cv-title\"><a href=\"https:\/\/www.dmsjuridica.com\/buscador_20179478954\/corteconstitucionalcronologico202454587\/c-207-23\/\" class=\"_self\" target=\"_self\" >C-207-23<\/a><\/h4>\n<div class=\"pt-cv-content\">TEMAS-SUBTEMAS Sentencia C-207\/23 INHIBICION DE LA CORTE CONSTITUCIONAL POR INEPTITUD SUSTANTIVA DE LA DEMANDA-Incumplimiento de requisitos de claridad, certeza, especificidad, pertinencia y suficiencia en los cargos CONCEPTO DE VIOLACION EN DEMANDA DE INCONSTITUCIONALIDAD-Exigencias argumentativas CONCEPTO DE VIOLACION EN DEMANDA DE INCONSTITUCIONALIDAD-Razones claras, ciertas, espec\u00edficas, pertinentes y suficientes REP\u00daBLICA DE COLOMBIA CORTE CONSTITUCIONAL SENTENCIA C-207 DE 2023 Expediente: D-14.994 Demanda de inconstitucionalidad contra el art\u00edculo 3 (parcial) de la Ley 105 de 1993 \"[p]or la cual se dictan disposiciones b\u00e1sicas sobre el transporte, se redistribuyen competencias y recursos entre la Naci\u00f3n y las Entidades Territoriales, se reglamenta la planeaci\u00f3n en el ...<br \/><div class=\"pt-cv-rmwrap\"><a href=\"https:\/\/www.dmsjuridica.com\/buscador_20179478954\/corteconstitucionalcronologico202454587\/c-207-23\/\" class=\"_self pt-cv-readmore btn btn-success\" target=\"_self\">Ver Sentencia Completa...<\/a><\/div><\/div><\/div><\/div>\n<div class=\"col-md-12 col-sm-12 col-xs-12 pt-cv-content-item pt-cv-1-col\" ><div class='pt-cv-ifield'><a href=\"https:\/\/www.dmsjuridica.com\/buscador_20179478954\/corteconstitucionalcronologico202454587\/c-206-23\/\" class=\"_self pt-cv-href-thumbnail pt-cv-thumb-default\" target=\"_self\" ><\/a>\n<div class=\"pt-cv-taxoterm above_title\"><a href='https:\/\/www.dmsjuridica.com\/buscador_20179478954\/corteconstitucionalcronologico202454587\/category\/buscar-en-toda-la-corte\/2023\/sentencias-2023\/' title='Sentencias 2023' class='pt-cv-tax-sentencias-2023'>Sentencias 2023<\/a><\/div>\n<h4 class=\"pt-cv-title\"><a href=\"https:\/\/www.dmsjuridica.com\/buscador_20179478954\/corteconstitucionalcronologico202454587\/c-206-23\/\" class=\"_self\" target=\"_self\" >C-206-23<\/a><\/h4>\n<div class=\"pt-cv-content\">Expediente D-14.795 M.P. Jorge Enrique Ib\u00e1\u00f1ez Najar REP\u00daBLICA DE COLOMBIA CORTE CONSTITUCIONAL Sala Plena SENTENCIA C-206 DE 2023 Referencia: Expediente D-14.795 Acci\u00f3n p\u00fablica de inconstitucionalidad en contra del art\u00edculo 54 de la Ley Org\u00e1nica 2199 de 2022, \u201c[p]or medio de la cual se desarrolla el art\u00edculo 325 de la Constituci\u00f3n Pol\u00edtica y se expide el r\u00e9gimen especial de la Regi\u00f3n Metropolitana Bogot\u00e1-Cundinamarca\u201d Magistrado ponente: Jorge Enrique Ib\u00e1\u00f1ez Najar Bogot\u00e1 D.C., siete (7) de junio de dos mil veintitr\u00e9s (2023) La Sala Plena de la Corte Constitucional, en ejercicio de sus atribuciones constitucionales y de los requisitos y tr\u00e1mites establecidos en ...<br \/><div class=\"pt-cv-rmwrap\"><a href=\"https:\/\/www.dmsjuridica.com\/buscador_20179478954\/corteconstitucionalcronologico202454587\/c-206-23\/\" class=\"_self pt-cv-readmore btn btn-success\" target=\"_self\">Ver Sentencia Completa...<\/a><\/div><\/div><\/div><\/div>\n<div class=\"col-md-12 col-sm-12 col-xs-12 pt-cv-content-item pt-cv-1-col\" ><div class='pt-cv-ifield'><a href=\"https:\/\/www.dmsjuridica.com\/buscador_20179478954\/corteconstitucionalcronologico202454587\/c-205-23\/\" class=\"_self pt-cv-href-thumbnail pt-cv-thumb-default\" target=\"_self\" ><\/a>\n<div class=\"pt-cv-taxoterm above_title\"><a href='https:\/\/www.dmsjuridica.com\/buscador_20179478954\/corteconstitucionalcronologico202454587\/category\/buscar-en-toda-la-corte\/2023\/sentencias-2023\/' title='Sentencias 2023' class='pt-cv-tax-sentencias-2023'>Sentencias 2023<\/a><\/div>\n<h4 class=\"pt-cv-title\"><a href=\"https:\/\/www.dmsjuridica.com\/buscador_20179478954\/corteconstitucionalcronologico202454587\/c-205-23\/\" class=\"_self\" target=\"_self\" >C-205-23<\/a><\/h4>\n<div class=\"pt-cv-content\">\u00a0 \u00a0 TRATADO ENTRE COLOMBIA E ITALIA SOBRE EL TRASLADO DE PERSONAS CONDENADAS-Se ajusta a la Constituci\u00f3n de Colombia \u00a0 \u00a0\u00a0 TRATADOS INTERNACIONALES-Control tripartito en su incorporaci\u00f3n \u00a0 \u00a0\u00a0 CONTROL DE CONSTITUCIONALIDAD EN MATERIA DE TRATADOS Y LEYES APROBATORIAS DE TRATADOS-Control formal y material \u00a0 \u00a0\u00a0 CONTROL DE CONSTITUCIONALIDAD DE TRATADO INTERNACIONAL Y LEY APROBATORIA-Negociaci\u00f3n, celebraci\u00f3n y aprobaci\u00f3n ejecutiva \u00a0 \u00a0 \u00a0 AFECTACION DIRECTA DE COMUNIDADES ETNICAS O TRIBALES-Deber de consulta previa frente a decisi\u00f3n legislativa y administrativa que las afecte directamente, incluso leyes aprobatorias de tratados internacionales y actos legislativos \u00a0 \u00a0 \u00a0 CONSULTA PREVIA DE COMUNIDADES Y GRUPOS ...<br \/><div class=\"pt-cv-rmwrap\"><a href=\"https:\/\/www.dmsjuridica.com\/buscador_20179478954\/corteconstitucionalcronologico202454587\/c-205-23\/\" class=\"_self pt-cv-readmore btn btn-success\" target=\"_self\">Ver Sentencia Completa...<\/a><\/div><\/div><\/div><\/div>\n<div class=\"col-md-12 col-sm-12 col-xs-12 pt-cv-content-item pt-cv-1-col\" ><div class='pt-cv-ifield'><a href=\"https:\/\/www.dmsjuridica.com\/buscador_20179478954\/corteconstitucionalcronologico202454587\/c-204-23\/\" class=\"_self pt-cv-href-thumbnail pt-cv-thumb-default\" target=\"_self\" ><\/a>\n<div class=\"pt-cv-taxoterm above_title\"><a href='https:\/\/www.dmsjuridica.com\/buscador_20179478954\/corteconstitucionalcronologico202454587\/category\/buscar-en-toda-la-corte\/2023\/sentencias-2023\/' title='Sentencias 2023' class='pt-cv-tax-sentencias-2023'>Sentencias 2023<\/a><\/div>\n<h4 class=\"pt-cv-title\"><a href=\"https:\/\/www.dmsjuridica.com\/buscador_20179478954\/corteconstitucionalcronologico202454587\/c-204-23\/\" class=\"_self\" target=\"_self\" >C-204-23<\/a><\/h4>\n<div class=\"pt-cv-content\">\u00a0 \u00a0 DELITO DE RECEPTACI\u00d3N-Expresi\u00f3n \u201co realice cualquier otro acto para ocultar o encubrir su origen il\u00edcito\u201d no desconoce principio de legalidad \u00a0 \u00a0\u00a0 La expresi\u00f3n es suficiente para definir la conducta y en esa medida no se transgreden los principios de tipicidad ni de legalidad, pues el sentido de la expresi\u00f3n es claro y permite definir el comportamiento que pretende prevenir y, en consecuencia, les asegura a los destinatarios de la ley un grado admisible de previsibilidad sobre las consecuencias jur\u00eddicas de sus comportamientos y por ende, les garantiza el derecho a la defensa, consagrado en el art\u00edculo 29 ...<br \/><div class=\"pt-cv-rmwrap\"><a href=\"https:\/\/www.dmsjuridica.com\/buscador_20179478954\/corteconstitucionalcronologico202454587\/c-204-23\/\" class=\"_self pt-cv-readmore btn btn-success\" target=\"_self\">Ver Sentencia Completa...<\/a><\/div><\/div><\/div><\/div>\n<div class=\"col-md-12 col-sm-12 col-xs-12 pt-cv-content-item pt-cv-1-col\" ><div class='pt-cv-ifield'><a href=\"https:\/\/www.dmsjuridica.com\/buscador_20179478954\/corteconstitucionalcronologico202454587\/c-203-23\/\" class=\"_self pt-cv-href-thumbnail pt-cv-thumb-default\" target=\"_self\" ><\/a>\n<div class=\"pt-cv-taxoterm above_title\"><a href='https:\/\/www.dmsjuridica.com\/buscador_20179478954\/corteconstitucionalcronologico202454587\/category\/buscar-en-toda-la-corte\/2023\/sentencias-2023\/' title='Sentencias 2023' class='pt-cv-tax-sentencias-2023'>Sentencias 2023<\/a><\/div>\n<h4 class=\"pt-cv-title\"><a href=\"https:\/\/www.dmsjuridica.com\/buscador_20179478954\/corteconstitucionalcronologico202454587\/c-203-23\/\" class=\"_self\" target=\"_self\" >C-203-23<\/a><\/h4>\n<div class=\"pt-cv-content\">TEMAS-SUBTEMAS Sentencia C-203\/23 INHIBICION DE LA CORTE CONSTITUCIONAL-Sustracci\u00f3n de materia o carencia de objeto SUSTRACCION DE MATERIA-Abstenci\u00f3n de adelantar juicio de inconstitucionalidad cuando norma desaparece del ordenamiento jur\u00eddico y no produce efectos jur\u00eddicos PRINCIPIO DE IRRETROACTIVIDAD DE LA LEY TRIBUTARIA-No puede ser absoluto cuando se trate de modificaciones que resulten ben\u00e9ficas al contribuyente Rep\u00fablica de Colombia Corte Constitucional Sala Plena SENTENCIA C-203\/2023 Referencia: Expedientes D- 13279 y D- 13292 (acumulados) Demanda de inconstitucionalidad contra el art\u00edculo 122 (parcial) de la Ley 1943 de 2018, \u201cpor la que se expiden normas de financiamiento para el restablecimiento del equilibrio del presupuesto general ...<br \/><div class=\"pt-cv-rmwrap\"><a href=\"https:\/\/www.dmsjuridica.com\/buscador_20179478954\/corteconstitucionalcronologico202454587\/c-203-23\/\" class=\"_self pt-cv-readmore btn btn-success\" target=\"_self\">Ver Sentencia Completa...<\/a><\/div><\/div><\/div><\/div>\n<div class=\"col-md-12 col-sm-12 col-xs-12 pt-cv-content-item pt-cv-1-col\" ><div class='pt-cv-ifield'><a href=\"https:\/\/www.dmsjuridica.com\/buscador_20179478954\/corteconstitucionalcronologico202454587\/c-197-23\/\" class=\"_self pt-cv-href-thumbnail pt-cv-thumb-default\" target=\"_self\" ><\/a>\n<div class=\"pt-cv-taxoterm above_title\"><a href='https:\/\/www.dmsjuridica.com\/buscador_20179478954\/corteconstitucionalcronologico202454587\/category\/buscar-en-toda-la-corte\/2023\/sentencias-2023\/' title='Sentencias 2023' class='pt-cv-tax-sentencias-2023'>Sentencias 2023<\/a><\/div>\n<h4 class=\"pt-cv-title\"><a href=\"https:\/\/www.dmsjuridica.com\/buscador_20179478954\/corteconstitucionalcronologico202454587\/c-197-23\/\" class=\"_self\" target=\"_self\" >C-197-23<\/a><\/h4>\n<div class=\"pt-cv-content\">Expediente D-14828 REP\u00daBLICA DE COLOMBIA CORTE CONSTITUCIONAL Sala Plena SENTENCIA C-197 DE 2023 Referencia: Expediente D-14828 Demanda de inconstitucionalidad contra el inciso 2\u00b0 del numeral 2\u00b0 del art\u00edculo 9\u00b0 de la Ley 797 de 2003 \u201c[p]or la cual se reforman algunas disposiciones del sistema general de pensiones previsto en la Ley 100 de 1993 y se adoptan disposiciones sobre los Reg\u00edmenes Pensionales exceptuados y especiales\u201d Demandantes: Diego Andr\u00e9s L\u00f3pez Su\u00e1rez Magistrado sustanciador: Juan Carlos Cort\u00e9s Gonz\u00e1lez Bogot\u00e1 D.C., primero (1\u00b0) de junio de dos mil veintitr\u00e9s (2023) La Sala Plena de la Corte Constitucional, en ejercicio de sus atribuciones constitucionales ...<br \/><div class=\"pt-cv-rmwrap\"><a href=\"https:\/\/www.dmsjuridica.com\/buscador_20179478954\/corteconstitucionalcronologico202454587\/c-197-23\/\" class=\"_self pt-cv-readmore btn btn-success\" target=\"_self\">Ver Sentencia Completa...<\/a><\/div><\/div><\/div><\/div>\n<div class=\"col-md-12 col-sm-12 col-xs-12 pt-cv-content-item pt-cv-1-col\" ><div class='pt-cv-ifield'><a href=\"https:\/\/www.dmsjuridica.com\/buscador_20179478954\/corteconstitucionalcronologico202454587\/c-194-23\/\" class=\"_self pt-cv-href-thumbnail pt-cv-thumb-default\" target=\"_self\" ><\/a>\n<div class=\"pt-cv-taxoterm above_title\"><a href='https:\/\/www.dmsjuridica.com\/buscador_20179478954\/corteconstitucionalcronologico202454587\/category\/buscar-en-toda-la-corte\/2023\/sentencias-2023\/' title='Sentencias 2023' class='pt-cv-tax-sentencias-2023'>Sentencias 2023<\/a><\/div>\n<h4 class=\"pt-cv-title\"><a href=\"https:\/\/www.dmsjuridica.com\/buscador_20179478954\/corteconstitucionalcronologico202454587\/c-194-23\/\" class=\"_self\" target=\"_self\" >C-194-23<\/a><\/h4>\n<div class=\"pt-cv-content\">\u00a0\u00a0 Los plazos previstos permiten garantizar una transici\u00f3n de los sectores, por lo que esta medida econ\u00f3mica adoptada por el Legislador es razonable y proporcionada. En efecto, del an\u00e1lisis realizado se advierte que el fin y medio de la norma analizada no est\u00e1n constitucionalmente prohibidos, y que ese medio utilizado por el legislador consistente en imponer un t\u00e9rmino es adecuado o id\u00f3neo para lograr el objetivo de la norma (proteger el ambiente de la contaminaci\u00f3n por pl\u00e1sticos). \u00a0 \u00a0\u00a0 PRODUCTOS PL\u00c1STICOS DE UN SOLO USO-Prohibici\u00f3n busca proteger el medio ambiente\u00a0 \u00a0 \u00a0\u00a0 DEMANDA DE INCONSTITUCIONALIDAD POR VULNERACION DEL PRINCIPIO DE ...<br \/><div class=\"pt-cv-rmwrap\"><a href=\"https:\/\/www.dmsjuridica.com\/buscador_20179478954\/corteconstitucionalcronologico202454587\/c-194-23\/\" class=\"_self pt-cv-readmore btn btn-success\" target=\"_self\">Ver Sentencia Completa...<\/a><\/div><\/div><\/div><\/div>\n<div class=\"col-md-12 col-sm-12 col-xs-12 pt-cv-content-item pt-cv-1-col\" ><div class='pt-cv-ifield'><a href=\"https:\/\/www.dmsjuridica.com\/buscador_20179478954\/corteconstitucionalcronologico202454587\/c-193-23\/\" class=\"_self pt-cv-href-thumbnail pt-cv-thumb-default\" target=\"_self\" ><\/a>\n<div class=\"pt-cv-taxoterm above_title\"><a href='https:\/\/www.dmsjuridica.com\/buscador_20179478954\/corteconstitucionalcronologico202454587\/category\/buscar-en-toda-la-corte\/2023\/sentencias-2023\/' title='Sentencias 2023' class='pt-cv-tax-sentencias-2023'>Sentencias 2023<\/a><\/div>\n<h4 class=\"pt-cv-title\"><a href=\"https:\/\/www.dmsjuridica.com\/buscador_20179478954\/corteconstitucionalcronologico202454587\/c-193-23\/\" class=\"_self\" target=\"_self\" >C-193-23<\/a><\/h4>\n<div class=\"pt-cv-content\">\u00a0 \u00a0 CONVENIO SOBRE COBRO INTERNACIONAL DE ALIMENTOS PARA LOS NI\u00d1OS Y OTROS MIEMBROS DE LA FAMILIA-Se ajusta a la Constituci\u00f3n Pol\u00edtica \u00a0 \u00a0\u00a0 La Corte evidenci\u00f3 que al tener como prop\u00f3sitos la protecci\u00f3n de la familia como instituci\u00f3n b\u00e1sica de la sociedad, a la vez que la vida en condiciones dignas y el m\u00ednimo vital de las personas que son acreedores de obligaciones alimentarias, el Convenio es constitucional. En espec\u00edfico, se evidenci\u00f3, a trav\u00e9s de sus disposiciones, una concreci\u00f3n del deber de especial protecci\u00f3n para los menores y personas en situaci\u00f3n de vulnerabilidad. Asimismo, evidenci\u00f3 la Sala que los ...<br \/><div class=\"pt-cv-rmwrap\"><a href=\"https:\/\/www.dmsjuridica.com\/buscador_20179478954\/corteconstitucionalcronologico202454587\/c-193-23\/\" class=\"_self pt-cv-readmore btn btn-success\" target=\"_self\">Ver Sentencia Completa...<\/a><\/div><\/div><\/div><\/div>\n<div class=\"col-md-12 col-sm-12 col-xs-12 pt-cv-content-item pt-cv-1-col\" ><div class='pt-cv-ifield'><a href=\"https:\/\/www.dmsjuridica.com\/buscador_20179478954\/corteconstitucionalcronologico202454587\/c-192-23\/\" class=\"_self pt-cv-href-thumbnail pt-cv-thumb-default\" target=\"_self\" ><\/a>\n<div class=\"pt-cv-taxoterm above_title\"><a href='https:\/\/www.dmsjuridica.com\/buscador_20179478954\/corteconstitucionalcronologico202454587\/category\/buscar-en-toda-la-corte\/2023\/sentencias-2023\/' title='Sentencias 2023' class='pt-cv-tax-sentencias-2023'>Sentencias 2023<\/a><\/div>\n<h4 class=\"pt-cv-title\"><a href=\"https:\/\/www.dmsjuridica.com\/buscador_20179478954\/corteconstitucionalcronologico202454587\/c-192-23\/\" class=\"_self\" target=\"_self\" >C-192-23<\/a><\/h4>\n<div class=\"pt-cv-content\">Expediente D-14.976 Magistrado Sustanciador: Antonio Jos\u00e9 Lizarazo Ocampo CIRCUNSTANCIA DE AGRAVACI\u00d3N PUNITIVA-Exclusi\u00f3n de consecuencias jur\u00eddicas a los parientes civiles que se encuentran en el mismo grado de los consangu\u00edneos vulnera el principio de igualdad\/OMISION LEGISLATIVA RELATIVA-Configuraci\u00f3n (\u2026) el legislador incurri\u00f3 en una omisi\u00f3n legislativa relativa en los numerales 5 del art\u00edculo 166, 4 del art\u00edculo 170, 4 del art\u00edculo 179, y 3 del art\u00edculo 188B, todos ellos contenidos en el C\u00f3digo Penal, al extender la aplicaci\u00f3n de las circunstancias de agravaci\u00f3n punitiva hasta un grado determinado de consanguinidad (segundo, cuarto, tercero y tercero respectivamente), pero, limitarla solo al primer grado ...<br \/><div class=\"pt-cv-rmwrap\"><a href=\"https:\/\/www.dmsjuridica.com\/buscador_20179478954\/corteconstitucionalcronologico202454587\/c-192-23\/\" class=\"_self pt-cv-readmore btn btn-success\" target=\"_self\">Ver Sentencia Completa...<\/a><\/div><\/div><\/div><\/div>\n<div class=\"col-md-12 col-sm-12 col-xs-12 pt-cv-content-item pt-cv-1-col\" ><div class='pt-cv-ifield'><a href=\"https:\/\/www.dmsjuridica.com\/buscador_20179478954\/corteconstitucionalcronologico202454587\/c-191-23\/\" class=\"_self pt-cv-href-thumbnail pt-cv-thumb-default\" target=\"_self\" ><\/a>\n<div class=\"pt-cv-taxoterm above_title\"><a href='https:\/\/www.dmsjuridica.com\/buscador_20179478954\/corteconstitucionalcronologico202454587\/category\/buscar-en-toda-la-corte\/2023\/sentencias-2023\/' title='Sentencias 2023' class='pt-cv-tax-sentencias-2023'>Sentencias 2023<\/a><\/div>\n<h4 class=\"pt-cv-title\"><a href=\"https:\/\/www.dmsjuridica.com\/buscador_20179478954\/corteconstitucionalcronologico202454587\/c-191-23\/\" class=\"_self\" target=\"_self\" >C-191-23<\/a><\/h4>\n<div class=\"pt-cv-content\">D-14996 M.P. Diana Fajardo Rivera DEMANDA DE INCONSTITUCIONALIDAD CONTRA LA LEY 2199 DE 2022-Estarse a lo resuelto en la sentencia C-015 de 2023 La Corte Constitucional concluye que la materia de discusi\u00f3n sobre la que recae la demanda que se resuelve a trav\u00e9s de esta providencia ya fue objeto de pronunciamiento y, en consecuencia, dado que los reparos aqu\u00ed expuestos ya fueron analizados ampliamente en la Sentencia C-015 de 2023, lo procedente es estarse a lo resuelto en dicha providencia. COSA JUZGADA CONSTITUCIONAL FORMAL RELATIVA-Configuraci\u00f3n COSA JUZGADA CONSTITUCIONAL-Finalidad COSA JUZGADA CONSTITUCIONAL-Tipolog\u00eda CORTE CONSTITUCIONAL Sala Plena SENTENCIA C-191 de 2023 Referencia: ...<br \/><div class=\"pt-cv-rmwrap\"><a href=\"https:\/\/www.dmsjuridica.com\/buscador_20179478954\/corteconstitucionalcronologico202454587\/c-191-23\/\" class=\"_self pt-cv-readmore btn btn-success\" target=\"_self\">Ver Sentencia Completa...<\/a><\/div><\/div><\/div><\/div>\n<div class=\"col-md-12 col-sm-12 col-xs-12 pt-cv-content-item pt-cv-1-col\" ><div class='pt-cv-ifield'><a href=\"https:\/\/www.dmsjuridica.com\/buscador_20179478954\/corteconstitucionalcronologico202454587\/c-190-23\/\" class=\"_self pt-cv-href-thumbnail pt-cv-thumb-default\" target=\"_self\" ><\/a>\n<div class=\"pt-cv-taxoterm above_title\"><a href='https:\/\/www.dmsjuridica.com\/buscador_20179478954\/corteconstitucionalcronologico202454587\/category\/buscar-en-toda-la-corte\/2023\/sentencias-2023\/' title='Sentencias 2023' class='pt-cv-tax-sentencias-2023'>Sentencias 2023<\/a><\/div>\n<h4 class=\"pt-cv-title\"><a href=\"https:\/\/www.dmsjuridica.com\/buscador_20179478954\/corteconstitucionalcronologico202454587\/c-190-23\/\" class=\"_self\" target=\"_self\" >C-190-23<\/a><\/h4>\n<div class=\"pt-cv-content\">\u00a0 \u00a0 \u00a0\u00a0 DEMANDA DE INCONSTITUCIONALIDAD-Requisitos m\u00ednimos \u00a0 \u00a0\u00a0 CONCEPTO DE VIOLACION EN DEMANDA DE INCONSTITUCIONALIDAD-Razones claras, ciertas, espec\u00edficas, pertinentes y suficientes \u00a0 \u00a0\u00a0 ACCION PUBLICA DE INCONSTITUCIONALIDAD-Eficacia del principio pro actione y cumplimiento de requisitos argumentativos m\u00ednimos \u00a0 DEMANDA DE INCONSTITUCIONALIDAD-Oportunidad procesal para definir la aptitud de la demanda \u00a0 \u00a0 \u00a0 La posibilidad de adoptar finalmente una decisi\u00f3n inhibitoria respecto de una demanda que ha sido previamente admitida est\u00e1 presente y resulta v\u00e1lida. (\u2026) Ello tambi\u00e9n es predicable de una decisi\u00f3n adoptada por la Sala Plena en el marco de la resoluci\u00f3n favorable de un recurso de s\u00faplica ...<br \/><div class=\"pt-cv-rmwrap\"><a href=\"https:\/\/www.dmsjuridica.com\/buscador_20179478954\/corteconstitucionalcronologico202454587\/c-190-23\/\" class=\"_self pt-cv-readmore btn btn-success\" target=\"_self\">Ver Sentencia Completa...<\/a><\/div><\/div><\/div><\/div>\n<div class=\"col-md-12 col-sm-12 col-xs-12 pt-cv-content-item pt-cv-1-col\" ><div class='pt-cv-ifield'><a href=\"https:\/\/www.dmsjuridica.com\/buscador_20179478954\/corteconstitucionalcronologico202454587\/c-176-23\/\" class=\"_self pt-cv-href-thumbnail pt-cv-thumb-default\" target=\"_self\" ><\/a>\n<div class=\"pt-cv-taxoterm above_title\"><a href='https:\/\/www.dmsjuridica.com\/buscador_20179478954\/corteconstitucionalcronologico202454587\/category\/buscar-en-toda-la-corte\/2023\/sentencias-2023\/' title='Sentencias 2023' class='pt-cv-tax-sentencias-2023'>Sentencias 2023<\/a><\/div>\n<h4 class=\"pt-cv-title\"><a href=\"https:\/\/www.dmsjuridica.com\/buscador_20179478954\/corteconstitucionalcronologico202454587\/c-176-23\/\" class=\"_self\" target=\"_self\" >C-176-23<\/a><\/h4>\n<div class=\"pt-cv-content\">\u00a0 \u00a0 DEMANDA DE INCONSTITUCIONALIDAD CONTRA CODIGO GENERAL DEL PROCESO-Inhibici\u00f3n por ineptitud sustantiva de la demanda \u00a0 \u00a0 \u00a0 INHIBICION DE LA CORTE CONSTITUCIONAL-Incumplimiento de requisitos exigidos en cargo por violaci\u00f3n al principio de igualdad \u00a0 \u00a0\u00a0 DEMANDA DE INCONSTITUCIONALIDAD POR VULNERACION DEL PRINCIPIO DE IGUALDAD-Requisitos en la carga argumentativa \u00a0 \u00a0\u00a0 DEMANDA DE INCONSTITUCIONALIDAD-Oportunidad procesal para definir la aptitud de la demanda \u00a0 \u00a0\u00a0 COSTUMBRE MERCATIL-Prueba \u00a0 \u00a0\u00a0 A partir de una interpretaci\u00f3n sistem\u00e1tica y literal del numeral 2\u00ba del inciso 1\u00ba del art\u00edculo 179 de la Ley 1564 de 2012, es posible concluir que, al contrario de lo ...<br \/><div class=\"pt-cv-rmwrap\"><a href=\"https:\/\/www.dmsjuridica.com\/buscador_20179478954\/corteconstitucionalcronologico202454587\/c-176-23\/\" class=\"_self pt-cv-readmore btn btn-success\" target=\"_self\">Ver Sentencia Completa...<\/a><\/div><\/div><\/div><\/div>\n<div class=\"col-md-12 col-sm-12 col-xs-12 pt-cv-content-item pt-cv-1-col\" ><div class='pt-cv-ifield'><a href=\"https:\/\/www.dmsjuridica.com\/buscador_20179478954\/corteconstitucionalcronologico202454587\/c-175-23\/\" class=\"_self pt-cv-href-thumbnail pt-cv-thumb-default\" target=\"_self\" ><\/a>\n<div class=\"pt-cv-taxoterm above_title\"><a href='https:\/\/www.dmsjuridica.com\/buscador_20179478954\/corteconstitucionalcronologico202454587\/category\/buscar-en-toda-la-corte\/2023\/sentencias-2023\/' title='Sentencias 2023' class='pt-cv-tax-sentencias-2023'>Sentencias 2023<\/a><\/div>\n<h4 class=\"pt-cv-title\"><a href=\"https:\/\/www.dmsjuridica.com\/buscador_20179478954\/corteconstitucionalcronologico202454587\/c-175-23\/\" class=\"_self\" target=\"_self\" >C-175-23<\/a><\/h4>\n<div class=\"pt-cv-content\">\u00a0 \u00a0 LEY APROBATORIA DEL ACUERDO ENTRE COLOMBIA Y EMIRATOS \u00c1RABES UNIDOS SOBRE SERVICIOS A\u00c9REOS-Inexequibilidad por incumplimiento del an\u00e1lisis de impacto fiscal\u00a0 \u00a0 \u00a0\u00a0 (\u2026) la Corte declarar\u00e1 la inexequibilidad de la Ley 2246 de 2022, aprobatoria del \u201cAcuerdo entre el Gobierno de la Rep\u00fablica de Colombia y el Gobierno de los Emiratos \u00c1rabes Unidos en relaci\u00f3n con servicios a\u00e9reos entre y m\u00e1s all\u00e1 de sus respectivos territorios\u201d, suscrito en Brasilia, el 7 de noviembre de 2012\u201d, pues en su tr\u00e1mite se incumpli\u00f3 el requisito de an\u00e1lisis de impacto fiscal, ordenado por el art\u00edculo 7\u00b0 de la Ley 819 de ...<br \/><div class=\"pt-cv-rmwrap\"><a href=\"https:\/\/www.dmsjuridica.com\/buscador_20179478954\/corteconstitucionalcronologico202454587\/c-175-23\/\" class=\"_self pt-cv-readmore btn btn-success\" target=\"_self\">Ver Sentencia Completa...<\/a><\/div><\/div><\/div><\/div>\n<div class=\"col-md-12 col-sm-12 col-xs-12 pt-cv-content-item pt-cv-1-col\" ><div class='pt-cv-ifield'><a href=\"https:\/\/www.dmsjuridica.com\/buscador_20179478954\/corteconstitucionalcronologico202454587\/c-166-23\/\" class=\"_self pt-cv-href-thumbnail pt-cv-thumb-default\" target=\"_self\" ><\/a>\n<div class=\"pt-cv-taxoterm above_title\"><a href='https:\/\/www.dmsjuridica.com\/buscador_20179478954\/corteconstitucionalcronologico202454587\/category\/buscar-en-toda-la-corte\/2023\/sentencias-2023\/' title='Sentencias 2023' class='pt-cv-tax-sentencias-2023'>Sentencias 2023<\/a><\/div>\n<h4 class=\"pt-cv-title\"><a href=\"https:\/\/www.dmsjuridica.com\/buscador_20179478954\/corteconstitucionalcronologico202454587\/c-166-23\/\" class=\"_self\" target=\"_self\" >C-166-23<\/a><\/h4>\n<div class=\"pt-cv-content\">\u00a0 \u00a0 OMISION LEGISLATIVA ABSOLUTA Y RELATIVA-Distinci\u00f3n \u00a0 \u00a0\u00a0 DEMANDA DE INCONSTITUCIONALIDAD POR OMISION LEGISLATIVA RELATIVA-Impone al demandante una mayor carga argumentativa \u00a0 DEMANDA DE INCONSTITUCIONALIDAD POR OMISION LEGISLATIVA RELATIVA-Exigencias \u00a0 \u00a0 \u00a0 DEMANDA DE INCONSTITUCIONALIDAD POR OMISION LEGISLATIVA RELATIVA-Incumplimiento de carga argumentativa \u00a0 \u00a0\u00a0 INTERPRETACION SISTEMATICA-Aplicaci\u00f3n \u00a0 \u00a0 \u00a0 INHIBICION DE LA CORTE CONSTITUCIONAL EN DEMANDA DE INCONSTITUCIONALIDAD POR OMISION LEGISLATIVA RELATIVA-Omisi\u00f3n advertida por el demandante no se predica de norma acusada \u00a0 \u00a0\u00a0 \u00a0\u00a0 \u00a0\u00a0 REP\u00daBLICA DE COLOMBIA \u00a0 \u00a0 CORTE CONSTITUCIONAL \u00a0 Sala Plena \u00a0 \u00a0\u00a0 \u00a0\u00a0 SENTENCIA C-166 DE 2023 \u00a0 \u00a0\u00a0 Referencia: Expediente D-14.965 \u00a0 ...<br \/><div class=\"pt-cv-rmwrap\"><a href=\"https:\/\/www.dmsjuridica.com\/buscador_20179478954\/corteconstitucionalcronologico202454587\/c-166-23\/\" class=\"_self pt-cv-readmore btn btn-success\" target=\"_self\">Ver Sentencia Completa...<\/a><\/div><\/div><\/div><\/div>\n<div class=\"col-md-12 col-sm-12 col-xs-12 pt-cv-content-item pt-cv-1-col\" ><div class='pt-cv-ifield'><a href=\"https:\/\/www.dmsjuridica.com\/buscador_20179478954\/corteconstitucionalcronologico202454587\/c-165-23\/\" class=\"_self pt-cv-href-thumbnail pt-cv-thumb-default\" target=\"_self\" ><\/a>\n<div class=\"pt-cv-taxoterm above_title\"><a href='https:\/\/www.dmsjuridica.com\/buscador_20179478954\/corteconstitucionalcronologico202454587\/category\/buscar-en-toda-la-corte\/2023\/sentencias-2023\/' title='Sentencias 2023' class='pt-cv-tax-sentencias-2023'>Sentencias 2023<\/a><\/div>\n<h4 class=\"pt-cv-title\"><a href=\"https:\/\/www.dmsjuridica.com\/buscador_20179478954\/corteconstitucionalcronologico202454587\/c-165-23\/\" class=\"_self\" target=\"_self\" >C-165-23<\/a><\/h4>\n<div class=\"pt-cv-content\">\u00a0 \u00a0 TRATADO DE MARRAKECH PARA FACILITAR EL ACCESO DE LAS OBRAS PUBLICADAS A LAS PERSONAS EN SITUACI\u00d3N DE DISCAPACIDAD VISUAL O CON OTRAS DIFICULTADES PARA ACCEDER AL TEXTO IMPRESO-Se ajusta a la Constituci\u00f3n Pol\u00edtica \u00a0 \u00a0\u00a0 CONTROL DE CONSTITUCIONALIDAD DE TRATADO INTERNACIONAL Y LEY APROBATORIA-Caracter\u00edsticas \u00a0 \u00a0 \u00a0 CONTROL DE CONSTITUCIONALIDAD EN MATERIA DE TRATADOS Y LEYES APROBATORIAS DE TRATADOS-Control formal y material \u00a0 \u00a0\u00a0 LEY APROBATORIA DE TRATADO INTERNACIONAL-Aspectos formales \u00a0 \u00a0\u00a0 CONTROL DE CONSTITUCIONALIDAD DE TRATADO INTERNACIONAL Y LEY APROBATORIA-Negociaci\u00f3n, celebraci\u00f3n y aprobaci\u00f3n ejecutiva \u00a0 AFECTACION DIRECTA DE COMUNIDADES ETNICAS O TRIBALES-Deber de consulta previa frente a ...<br \/><div class=\"pt-cv-rmwrap\"><a href=\"https:\/\/www.dmsjuridica.com\/buscador_20179478954\/corteconstitucionalcronologico202454587\/c-165-23\/\" class=\"_self pt-cv-readmore btn btn-success\" target=\"_self\">Ver Sentencia Completa...<\/a><\/div><\/div><\/div><\/div>\n<div class=\"col-md-12 col-sm-12 col-xs-12 pt-cv-content-item pt-cv-1-col\" ><div class='pt-cv-ifield'><a href=\"https:\/\/www.dmsjuridica.com\/buscador_20179478954\/corteconstitucionalcronologico202454587\/c-164-23\/\" class=\"_self pt-cv-href-thumbnail pt-cv-thumb-default\" target=\"_self\" ><\/a>\n<div class=\"pt-cv-taxoterm above_title\"><a href='https:\/\/www.dmsjuridica.com\/buscador_20179478954\/corteconstitucionalcronologico202454587\/category\/buscar-en-toda-la-corte\/2023\/sentencias-2023\/' title='Sentencias 2023' class='pt-cv-tax-sentencias-2023'>Sentencias 2023<\/a><\/div>\n<h4 class=\"pt-cv-title\"><a href=\"https:\/\/www.dmsjuridica.com\/buscador_20179478954\/corteconstitucionalcronologico202454587\/c-164-23\/\" class=\"_self\" target=\"_self\" >C-164-23<\/a><\/h4>\n<div class=\"pt-cv-content\">TEMAS-SUBTEMAS Sentencia C-164\/23 AMPARO DE POBREZA EN EL PROCESO VERBAL SUMARIO-Restricci\u00f3n en la oportunidad para proponerlo no vulnera debido proceso ni acceso a la administraci\u00f3n de justicia AMPARO DE POBREZA-Finalidad AMPARO DE POBREZA-Garant\u00eda de igualdad y acceso a la justicia AMPARO DE POBREZA-Jurisprudencia constitucional AMPARO DE POBREZA-Procedencia AMPLIA FACULTAD LEGISLATIVA EN MATERIA DE PROCEDIMIENTOS JUDICIALES-L\u00edmites CELERIDAD DE LOS PROCESOS JUDICIALES-No es un fin en si misma, sino un mecanismo para garantizar los derechos al debido proceso y el acceso a la justicia COSA JUZGADA CONSTITUCIONAL-Inexistencia por contenidos normativos diferentes DEBIDO PROCESO Y REGIMEN DE IMPEDIMENTOS Y RECUSACIONES-Protecci\u00f3n de la imparcialidad ...<br \/><div class=\"pt-cv-rmwrap\"><a href=\"https:\/\/www.dmsjuridica.com\/buscador_20179478954\/corteconstitucionalcronologico202454587\/c-164-23\/\" class=\"_self pt-cv-readmore btn btn-success\" target=\"_self\">Ver Sentencia Completa...<\/a><\/div><\/div><\/div><\/div>\n<div class=\"col-md-12 col-sm-12 col-xs-12 pt-cv-content-item pt-cv-1-col\" ><div class='pt-cv-ifield'><a href=\"https:\/\/www.dmsjuridica.com\/buscador_20179478954\/corteconstitucionalcronologico202454587\/c-154-23\/\" class=\"_self pt-cv-href-thumbnail pt-cv-thumb-default\" target=\"_self\" ><\/a>\n<div class=\"pt-cv-taxoterm above_title\"><a href='https:\/\/www.dmsjuridica.com\/buscador_20179478954\/corteconstitucionalcronologico202454587\/category\/buscar-en-toda-la-corte\/2023\/sentencias-2023\/' title='Sentencias 2023' class='pt-cv-tax-sentencias-2023'>Sentencias 2023<\/a><\/div>\n<h4 class=\"pt-cv-title\"><a href=\"https:\/\/www.dmsjuridica.com\/buscador_20179478954\/corteconstitucionalcronologico202454587\/c-154-23\/\" class=\"_self\" target=\"_self\" >C-154-23<\/a><\/h4>\n<div class=\"pt-cv-content\">Sentencia C-154 de 2023 REDUCCI\u00d3N DE PUNTAJE DE LA OFERTA EN PROCESOS PRECONTRACTUALES CON EL ESTADO-Inaplicaci\u00f3n para proponentes que ejercieron medio de control jurisdiccional contra acto administrativo que impuso multa no vulnera principio de igualdad (\u2026) el trato diferenciado entre los sujetos comparables se basa en que estos se encuentran en situaciones diferentes, obedece a decisiones adoptadas por ellos mismos y dispone de una consecuencia razonable con el fin de obtener los beneficios perseguidos por la norma. La Corte advierte que no puede haber un trato diferenciado que sea discriminatorio o que ponga en peligro la libre concurrencia, cuando el ...<br \/><div class=\"pt-cv-rmwrap\"><a href=\"https:\/\/www.dmsjuridica.com\/buscador_20179478954\/corteconstitucionalcronologico202454587\/c-154-23\/\" class=\"_self pt-cv-readmore btn btn-success\" target=\"_self\">Ver Sentencia Completa...<\/a><\/div><\/div><\/div><\/div>\n<div class=\"col-md-12 col-sm-12 col-xs-12 pt-cv-content-item pt-cv-1-col\" ><div class='pt-cv-ifield'><a href=\"https:\/\/www.dmsjuridica.com\/buscador_20179478954\/corteconstitucionalcronologico202454587\/c-153-23\/\" class=\"_self pt-cv-href-thumbnail pt-cv-thumb-default\" target=\"_self\" ><\/a>\n<div class=\"pt-cv-taxoterm above_title\"><a href='https:\/\/www.dmsjuridica.com\/buscador_20179478954\/corteconstitucionalcronologico202454587\/category\/buscar-en-toda-la-corte\/2023\/sentencias-2023\/' title='Sentencias 2023' class='pt-cv-tax-sentencias-2023'>Sentencias 2023<\/a><\/div>\n<h4 class=\"pt-cv-title\"><a href=\"https:\/\/www.dmsjuridica.com\/buscador_20179478954\/corteconstitucionalcronologico202454587\/c-153-23\/\" class=\"_self\" target=\"_self\" >C-153-23<\/a><\/h4>\n<div class=\"pt-cv-content\">\u00a0 \u00a0 INHIBICION DE LA CORTE CONSTITUCIONAL-Carencia actual de objeto \u00a0 \u00a0\u00a0 INHIBICION DE LA CORTE CONSTITUCIONAL-Procedencia frente a norma que no se encuentra vigente ni est\u00e1 produciendo efectos jur\u00eddicos \u00a0 \u00a0\u00a0 (\u2026) la Corte Constitucional debe inhibirse de hacer un pronunciamiento de m\u00e9rito, por carencia de objeto, respecto de las demandas que se formulen contra normas que no est\u00e1n en vigor y no produzcan actualmente efectos jur\u00eddicos ni tengan vocaci\u00f3n de producirlos. Pero la Corporaci\u00f3n puede fallar de fondo si las disposiciones acusadas o est\u00e1n vigentes o no lo est\u00e1n, pero proyectan en la actualidad o en el futuro ...<br \/><div class=\"pt-cv-rmwrap\"><a href=\"https:\/\/www.dmsjuridica.com\/buscador_20179478954\/corteconstitucionalcronologico202454587\/c-153-23\/\" class=\"_self pt-cv-readmore btn btn-success\" target=\"_self\">Ver Sentencia Completa...<\/a><\/div><\/div><\/div><\/div>\n<div class=\"col-md-12 col-sm-12 col-xs-12 pt-cv-content-item pt-cv-1-col\" ><div class='pt-cv-ifield'><a href=\"https:\/\/www.dmsjuridica.com\/buscador_20179478954\/corteconstitucionalcronologico202454587\/c-152-23\/\" class=\"_self pt-cv-href-thumbnail pt-cv-thumb-default\" target=\"_self\" ><\/a>\n<div class=\"pt-cv-taxoterm above_title\"><a href='https:\/\/www.dmsjuridica.com\/buscador_20179478954\/corteconstitucionalcronologico202454587\/category\/buscar-en-toda-la-corte\/2023\/sentencias-2023\/' title='Sentencias 2023' class='pt-cv-tax-sentencias-2023'>Sentencias 2023<\/a><\/div>\n<h4 class=\"pt-cv-title\"><a href=\"https:\/\/www.dmsjuridica.com\/buscador_20179478954\/corteconstitucionalcronologico202454587\/c-152-23\/\" class=\"_self\" target=\"_self\" >C-152-23<\/a><\/h4>\n<div class=\"pt-cv-content\">TEMAS-SUBTEMAS Sentencia C-152\/23 AUTONOMIA DE LAS CORPORACIONES AUTONOMAS REGIONALES CAR-En materia administrativa u org\u00e1nica, financiera y patrimonial y pol\u00edtica y funcional AUTONOMIA DE LAS CORPORACIONES AUTONOMAS REGIONALES-No es un derecho absoluto CONSTITUCION ECOLOGICA Y MEDIO AMBIENTE SANO-Protecci\u00f3n constitucional Tradicionalmente, la Corte ha se\u00f1alado que este juicio se integra de dos etapas. En la primera se debe determinar cu\u00e1l es el alcance material o n\u00facleo tem\u00e1tico de la ley que contiene el precepto acusado, para lo cual se puede acudir (i) a los antecedentes legislativos (esto es, a la exposici\u00f3n de motivos, a los informes de ponencia y a las gacetas ...<br \/><div class=\"pt-cv-rmwrap\"><a href=\"https:\/\/www.dmsjuridica.com\/buscador_20179478954\/corteconstitucionalcronologico202454587\/c-152-23\/\" class=\"_self pt-cv-readmore btn btn-success\" target=\"_self\">Ver Sentencia Completa...<\/a><\/div><\/div><\/div><\/div>\n<div class=\"col-md-12 col-sm-12 col-xs-12 pt-cv-content-item pt-cv-1-col\" ><div class='pt-cv-ifield'><a href=\"https:\/\/www.dmsjuridica.com\/buscador_20179478954\/corteconstitucionalcronologico202454587\/c-151-23\/\" class=\"_self pt-cv-href-thumbnail pt-cv-thumb-default\" target=\"_self\" ><\/a>\n<div class=\"pt-cv-taxoterm above_title\"><a href='https:\/\/www.dmsjuridica.com\/buscador_20179478954\/corteconstitucionalcronologico202454587\/category\/buscar-en-toda-la-corte\/2023\/sentencias-2023\/' title='Sentencias 2023' class='pt-cv-tax-sentencias-2023'>Sentencias 2023<\/a><\/div>\n<h4 class=\"pt-cv-title\"><a href=\"https:\/\/www.dmsjuridica.com\/buscador_20179478954\/corteconstitucionalcronologico202454587\/c-151-23\/\" class=\"_self\" target=\"_self\" >C-151-23<\/a><\/h4>\n<div class=\"pt-cv-content\">\u00a0 \u00a0 FUNCIONARIOS DE CARRERA DIPLOMATICA Y CONSULAR-Exclusi\u00f3n de beneficio a compa\u00f1ero o compa\u00f1era permanente del mismo sexo vulnera principio de igualdad\u00a0 \u00a0 \u00a0\u00a0 (\u2026) la Sala considera que la disposici\u00f3n demandada vulnera el principio de igualdad, al ser una medida discriminatoria, por cuanto implica un trato diferenciado con fundamento \u00fanicamente en la orientaci\u00f3n sexual de las personas, pese a que, para efectos de la medida en cuesti\u00f3n, lo importante es cumplir con el requisito de convivencia de dos a\u00f1os para mantener la unidad de las parejas y las familias en los t\u00e9rminos reconocidos por la jurisprudencia constitucional, por lo ...<br \/><div class=\"pt-cv-rmwrap\"><a href=\"https:\/\/www.dmsjuridica.com\/buscador_20179478954\/corteconstitucionalcronologico202454587\/c-151-23\/\" class=\"_self pt-cv-readmore btn btn-success\" target=\"_self\">Ver Sentencia Completa...<\/a><\/div><\/div><\/div><\/div>\n<div class=\"col-md-12 col-sm-12 col-xs-12 pt-cv-content-item pt-cv-1-col\" ><div class='pt-cv-ifield'><a href=\"https:\/\/www.dmsjuridica.com\/buscador_20179478954\/corteconstitucionalcronologico202454587\/c-139-23\/\" class=\"_self pt-cv-href-thumbnail pt-cv-thumb-default\" target=\"_self\" ><\/a>\n<div class=\"pt-cv-taxoterm above_title\"><a href='https:\/\/www.dmsjuridica.com\/buscador_20179478954\/corteconstitucionalcronologico202454587\/category\/buscar-en-toda-la-corte\/2023\/sentencias-2023\/' title='Sentencias 2023' class='pt-cv-tax-sentencias-2023'>Sentencias 2023<\/a><\/div>\n<h4 class=\"pt-cv-title\"><a href=\"https:\/\/www.dmsjuridica.com\/buscador_20179478954\/corteconstitucionalcronologico202454587\/c-139-23\/\" class=\"_self\" target=\"_self\" >C-139-23<\/a><\/h4>\n<div class=\"pt-cv-content\">\u00a0 \u00a0 DEMANDA DE INCONSTITUCIONALIDAD CONTRA DECRETO LEY 403 DE 2020-Estarse a lo resuelto en la sentencia C-090 de 2022 \u00a0 \u00a0\u00a0 DEMANDA DE INCONSTITUCIONALIDAD-Legitimaci\u00f3n por activa\/ACCION PUBLICA DE INCONSTITUCIONALIDAD-Presentaci\u00f3n por representante de persona jur\u00eddica en calidad de ciudadano \u00a0 \u00a0\u00a0 COSA JUZGADA FORMAL Y MATERIAL, COSA JUZGADA ABSOLUTA Y RELATIVA Y COSA JUZGADA APARENTE-Conceptos\u00a0\u00a0 \u00a0 \u00a0\u00a0 COSA JUZGADA CONSTITUCIONAL FORMAL Y ABSOLUTA-Configuraci\u00f3n \u00a0 \u00a0\u00a0 \u00a0\u00a0 \u00a0\u00a0 REP\u00daBLICA DE COLOMBIA \u00a0 \u00a0 CORTE CONSTITUCIONAL \u00a0 \u00a0\u00a0 Sala Plena \u00a0 Sentencia C-139 de 2023 \u00a0 \u00a0\u00a0 \u00a0\u00a0 Referencia: expediente D-14557\u00a0 \u00a0 \u00a0\u00a0 Demanda de inconstitucionalidad en contra de los art\u00edculos 124 ...<br \/><div class=\"pt-cv-rmwrap\"><a href=\"https:\/\/www.dmsjuridica.com\/buscador_20179478954\/corteconstitucionalcronologico202454587\/c-139-23\/\" class=\"_self pt-cv-readmore btn btn-success\" target=\"_self\">Ver Sentencia Completa...<\/a><\/div><\/div><\/div><\/div>\n<div class=\"col-md-12 col-sm-12 col-xs-12 pt-cv-content-item pt-cv-1-col\" ><div class='pt-cv-ifield'><a href=\"https:\/\/www.dmsjuridica.com\/buscador_20179478954\/corteconstitucionalcronologico202454587\/c-138-23\/\" class=\"_self pt-cv-href-thumbnail pt-cv-thumb-default\" target=\"_self\" ><\/a>\n<div class=\"pt-cv-taxoterm above_title\"><a href='https:\/\/www.dmsjuridica.com\/buscador_20179478954\/corteconstitucionalcronologico202454587\/category\/buscar-en-toda-la-corte\/2023\/sentencias-2023\/' title='Sentencias 2023' class='pt-cv-tax-sentencias-2023'>Sentencias 2023<\/a><\/div>\n<h4 class=\"pt-cv-title\"><a href=\"https:\/\/www.dmsjuridica.com\/buscador_20179478954\/corteconstitucionalcronologico202454587\/c-138-23\/\" class=\"_self\" target=\"_self\" >C-138-23<\/a><\/h4>\n<div class=\"pt-cv-content\">\u00a0 \u00a0 CONCEPTO DE VIOLACION EN DEMANDA DE INCONSTITUCIONALIDAD-Jurisprudencia constitucional \u00a0 INHIBICION DE LA CORTE CONSTITUCIONAL-Ineptitud sustantiva de la demanda por la no estructuraci\u00f3n de un verdadero cargo de inconstitucionalidad \u00a0 \u00a0 \u00a0 INHIBICION DE LA CORTE CONSTITUCIONAL POR INEPTITUD SUSTANTIVA DE LA DEMANDA-Incumplimiento de requisitos de claridad, certeza, especificidad, pertinencia y suficiencia en los cargos \u00a0 \u00a0\u00a0 \u00a0\u00a0 \u00a0\u00a0 REP\u00daBLICA DE COLOMBIA \u00a0 \u00a0 CORTE CONSTITUCIONAL \u00a0 Sala Plena \u00a0 \u00a0\u00a0 \u00a0\u00a0 \u00a0\u00a0 SENTENCIA C-138 DE 2023 \u00a0 \u00a0\u00a0 \u00a0\u00a0 Expediente: D-14.907 \u00a0 \u00a0\u00a0 Demanda de inconstitucionalidad contra el art\u00edculo 10 de la Ley 2161 de 2021 \u201cPor la ...<br \/><div class=\"pt-cv-rmwrap\"><a href=\"https:\/\/www.dmsjuridica.com\/buscador_20179478954\/corteconstitucionalcronologico202454587\/c-138-23\/\" class=\"_self pt-cv-readmore btn btn-success\" target=\"_self\">Ver Sentencia Completa...<\/a><\/div><\/div><\/div><\/div>\n<div class=\"col-md-12 col-sm-12 col-xs-12 pt-cv-content-item pt-cv-1-col\" ><div class='pt-cv-ifield'><a href=\"https:\/\/www.dmsjuridica.com\/buscador_20179478954\/corteconstitucionalcronologico202454587\/c-137-23\/\" class=\"_self pt-cv-href-thumbnail pt-cv-thumb-default\" target=\"_self\" ><\/a>\n<div class=\"pt-cv-taxoterm above_title\"><a href='https:\/\/www.dmsjuridica.com\/buscador_20179478954\/corteconstitucionalcronologico202454587\/category\/buscar-en-toda-la-corte\/2023\/sentencias-2023\/' title='Sentencias 2023' class='pt-cv-tax-sentencias-2023'>Sentencias 2023<\/a><\/div>\n<h4 class=\"pt-cv-title\"><a href=\"https:\/\/www.dmsjuridica.com\/buscador_20179478954\/corteconstitucionalcronologico202454587\/c-137-23\/\" class=\"_self\" target=\"_self\" >C-137-23<\/a><\/h4>\n<div class=\"pt-cv-content\">Expediente D-14944 CONTROL ABSTRACTO DE INCONSTITUCIONALIDAD-Vigencia normativa como presupuesto para su estudio DEROGATORIA DE LEY-Clases\/DEROGATORIA TACITA, EXPRESA Y ORGANICA-Distinci\u00f3n SUBROGACION-Concepto CONTROL DE CONSTITUCIONALIDAD-Procedencia respecto de normas vigentes o de aquellas que habiendo perdido su vigencia pueden continuar produciendo efectos jur\u00eddicos CONTROL CONSTITUCIONAL-Hip\u00f3tesis excepcional cuando disposici\u00f3n ha dejado de producir efectos jur\u00eddicos Algunas de las circunstancias en las que hay cabida para adelantar el control constitucional de normas que ya no se hallan vigentes ni irradian efectos jur\u00eddicos son, de acuerdo con la jurisprudencia: (i) disposiciones con un \u00e1mbito temporal y estrecho respecto de las cuales no se alcanz\u00f3 a activar ...<br \/><div class=\"pt-cv-rmwrap\"><a href=\"https:\/\/www.dmsjuridica.com\/buscador_20179478954\/corteconstitucionalcronologico202454587\/c-137-23\/\" class=\"_self pt-cv-readmore btn btn-success\" target=\"_self\">Ver Sentencia Completa...<\/a><\/div><\/div><\/div><\/div>\n<div class=\"col-md-12 col-sm-12 col-xs-12 pt-cv-content-item pt-cv-1-col\" ><div class='pt-cv-ifield'><a href=\"https:\/\/www.dmsjuridica.com\/buscador_20179478954\/corteconstitucionalcronologico202454587\/c-134-23\/\" class=\"_self pt-cv-href-thumbnail pt-cv-thumb-default\" target=\"_self\" ><\/a>\n<div class=\"pt-cv-taxoterm above_title\"><a href='https:\/\/www.dmsjuridica.com\/buscador_20179478954\/corteconstitucionalcronologico202454587\/category\/buscar-en-toda-la-corte\/2023\/sentencias-2023\/' title='Sentencias 2023' class='pt-cv-tax-sentencias-2023'>Sentencias 2023<\/a><\/div>\n<h4 class=\"pt-cv-title\"><a href=\"https:\/\/www.dmsjuridica.com\/buscador_20179478954\/corteconstitucionalcronologico202454587\/c-134-23\/\" class=\"_self\" target=\"_self\" >C-134-23<\/a><\/h4>\n<div class=\"pt-cv-content\">Nota de Relator\u00eda: Mediante Auto 1015 de 5 de junio de 2024, el cual se adjunta en la parte final, la Sala Plena corrigi\u00f3 de\u00a0oficio el Anexo I, que hace parte integral de la presente providencia,\u00a0en el sentido de incluir en el art\u00edculo 56 del Proyecto de Ley Estatutaria de Administraci\u00f3n de Justicia, el numeral 5\u00b0 original.\u00a0Lo anterior debido a un error involuntario en la transcripci\u00f3n.\u00a0 REP\u00daBLICA DE COLOMBIA CORTE CONSTITUCIONAL Sala Plena SENTENCIA C-134 de 2023 Referencia: Expediente PE-051 Revisi\u00f3n de constitucionalidad del Proyecto de Ley Estatutaria 295 de 2020 C\u00e1mara (acumulado con los proyectos de ley 430 y ...<br \/><div class=\"pt-cv-rmwrap\"><a href=\"https:\/\/www.dmsjuridica.com\/buscador_20179478954\/corteconstitucionalcronologico202454587\/c-134-23\/\" class=\"_self pt-cv-readmore btn btn-success\" target=\"_self\">Ver Sentencia Completa...<\/a><\/div><\/div><\/div><\/div>\n<div class=\"col-md-12 col-sm-12 col-xs-12 pt-cv-content-item pt-cv-1-col\" ><div class='pt-cv-ifield'><a href=\"https:\/\/www.dmsjuridica.com\/buscador_20179478954\/corteconstitucionalcronologico202454587\/c-128-23\/\" class=\"_self pt-cv-href-thumbnail pt-cv-thumb-default\" target=\"_self\" ><\/a>\n<div class=\"pt-cv-taxoterm above_title\"><a href='https:\/\/www.dmsjuridica.com\/buscador_20179478954\/corteconstitucionalcronologico202454587\/category\/buscar-en-toda-la-corte\/2023\/sentencias-2023\/' title='Sentencias 2023' class='pt-cv-tax-sentencias-2023'>Sentencias 2023<\/a><\/div>\n<h4 class=\"pt-cv-title\"><a href=\"https:\/\/www.dmsjuridica.com\/buscador_20179478954\/corteconstitucionalcronologico202454587\/c-128-23\/\" class=\"_self\" target=\"_self\" >C-128-23<\/a><\/h4>\n<div class=\"pt-cv-content\">\u00a0 \u00a0 DEMANDA DE INCONSTITUCIONALIDAD CONTRA CODIGO GENERAL DEL PROCESO-Inhibici\u00f3n por ineptitud sustantiva de la demanda \u00a0 \u00a0\u00a0 INHIBICION DE LA CORTE CONSTITUCIONAL-Incumplimiento de requisitos exigidos en cargo por violaci\u00f3n al principio de igualdad \u00a0 \u00a0\u00a0 INHIBICION DE LA CORTE CONSTITUCIONAL POR INEPTITUD SUSTANTIVA DE LA DEMANDA-Incumplimiento de requisitos de certeza, especificidad y suficiencia en los cargos \u00a0 \u00a0 \u00a0 CONCEPTO DE VIOLACION EN DEMANDA DE INCONSTITUCIONALIDAD-Razones claras, ciertas, espec\u00edficas, pertinentes y suficientes \u00a0 \u00a0\u00a0 TRATOS DIFERENTES EN MATERIA PROCESAL-Jurisprudencia constitucional \u00a0 REFORMA DE DEMANDA EN JUICIOS CIVILES-Alcance \u00a0 \u00a0\u00a0 (\u2026) la reforma de la demanda, en los t\u00e9rminos previstos ...<br \/><div class=\"pt-cv-rmwrap\"><a href=\"https:\/\/www.dmsjuridica.com\/buscador_20179478954\/corteconstitucionalcronologico202454587\/c-128-23\/\" class=\"_self pt-cv-readmore btn btn-success\" target=\"_self\">Ver Sentencia Completa...<\/a><\/div><\/div><\/div><\/div>\n<div class=\"col-md-12 col-sm-12 col-xs-12 pt-cv-content-item pt-cv-1-col\" ><div class='pt-cv-ifield'><a href=\"https:\/\/www.dmsjuridica.com\/buscador_20179478954\/corteconstitucionalcronologico202454587\/c-127-23\/\" class=\"_self pt-cv-href-thumbnail pt-cv-thumb-default\" target=\"_self\" ><\/a>\n<div class=\"pt-cv-taxoterm above_title\"><a href='https:\/\/www.dmsjuridica.com\/buscador_20179478954\/corteconstitucionalcronologico202454587\/category\/buscar-en-toda-la-corte\/2023\/sentencias-2023\/' title='Sentencias 2023' class='pt-cv-tax-sentencias-2023'>Sentencias 2023<\/a><\/div>\n<h4 class=\"pt-cv-title\"><a href=\"https:\/\/www.dmsjuridica.com\/buscador_20179478954\/corteconstitucionalcronologico202454587\/c-127-23\/\" class=\"_self\" target=\"_self\" >C-127-23<\/a><\/h4>\n<div class=\"pt-cv-content\">Expedientes D-14771 y D-14784 (AC) M.P. Juan Carlos Cort\u00e9s Gonz\u00e1lez CONSUMO DE SUSTANCIAS PSICOACTIVAS, INCLUIDA LA DOSIS PERSONAL, EN PARQUES Y DETERMINADAS ZONAS DEL ESPACIO P\u00daBLICO-Prohibici\u00f3n busca proteger los derechos de los ni\u00f1os, ni\u00f1as y adolescentes La prohibici\u00f3n absoluta de consumo de sustancias psicoactivas, aun de la dosis personal, en parques, es id\u00f3nea para proteger los derechos de los ni\u00f1os que concurren a dichos espacios. En especial, porque garantiza un entorno seguro para el ejercicio integral de sus derechos fundamentales. PORTE DE SUSTANCIAS PSICOACTIVAS-Prohibici\u00f3n no aplica cuando se trata del porte con fines de consumo propio o de dosis medicada ...<br \/><div class=\"pt-cv-rmwrap\"><a href=\"https:\/\/www.dmsjuridica.com\/buscador_20179478954\/corteconstitucionalcronologico202454587\/c-127-23\/\" class=\"_self pt-cv-readmore btn btn-success\" target=\"_self\">Ver Sentencia Completa...<\/a><\/div><\/div><\/div><\/div>\n<div class=\"col-md-12 col-sm-12 col-xs-12 pt-cv-content-item pt-cv-1-col\" ><div class='pt-cv-ifield'><a href=\"https:\/\/www.dmsjuridica.com\/buscador_20179478954\/corteconstitucionalcronologico202454587\/c-126-23\/\" class=\"_self pt-cv-href-thumbnail pt-cv-thumb-default\" target=\"_self\" ><\/a>\n<div class=\"pt-cv-taxoterm above_title\"><a href='https:\/\/www.dmsjuridica.com\/buscador_20179478954\/corteconstitucionalcronologico202454587\/category\/buscar-en-toda-la-corte\/2023\/sentencias-2023\/' title='Sentencias 2023' class='pt-cv-tax-sentencias-2023'>Sentencias 2023<\/a><\/div>\n<h4 class=\"pt-cv-title\"><a href=\"https:\/\/www.dmsjuridica.com\/buscador_20179478954\/corteconstitucionalcronologico202454587\/c-126-23\/\" class=\"_self\" target=\"_self\" >C-126-23<\/a><\/h4>\n<div class=\"pt-cv-content\">\u00a0 \u00a0 ACUERDO ENTRE COLOMBIA Y EL INSTITUTO GLOBAL PARA EL CRECIMIENTO VERDE SOBRE LA PERSONER\u00cdA JUR\u00cdDICA Y LOS PRIVILEGIOS E INMUNIDADES-Se ajusta a la Constituci\u00f3n\u00a0 \u00a0 \u00a0\u00a0 CONTROL DE CONSTITUCIONALIDAD DE TRATADO INTERNACIONAL Y LEY APROBATORIA-Caracter\u00edsticas \u00a0 \u00a0\u00a0 CONTROL DE CONSTITUCIONALIDAD EN MATERIA DE TRATADOS Y LEYES APROBATORIAS DE TRATADOS-Control formal y material \u00a0 \u00a0\u00a0 LEY APROBATORIA DE TRATADO INTERNACIONAL-Aspectos formales \u00a0 \u00a0\u00a0 CONTROL DE CONSTITUCIONALIDAD DE TRATADO INTERNACIONAL Y LEY APROBATORIA-Negociaci\u00f3n, celebraci\u00f3n y aprobaci\u00f3n ejecutiva \u00a0 \u00a0 \u00a0 AFECTACION DIRECTA DE COMUNIDADES ETNICAS O TRIBALES-Deber de consulta previa frente a decisi\u00f3n legislativa y administrativa que las afecte directamente, ...<br \/><div class=\"pt-cv-rmwrap\"><a href=\"https:\/\/www.dmsjuridica.com\/buscador_20179478954\/corteconstitucionalcronologico202454587\/c-126-23\/\" class=\"_self pt-cv-readmore btn btn-success\" target=\"_self\">Ver Sentencia Completa...<\/a><\/div><\/div><\/div><\/div>\n<div class=\"col-md-12 col-sm-12 col-xs-12 pt-cv-content-item pt-cv-1-col\" ><div class='pt-cv-ifield'><a href=\"https:\/\/www.dmsjuridica.com\/buscador_20179478954\/corteconstitucionalcronologico202454587\/c-122-23\/\" class=\"_self pt-cv-href-thumbnail pt-cv-thumb-default\" target=\"_self\" ><\/a>\n<div class=\"pt-cv-taxoterm above_title\"><a href='https:\/\/www.dmsjuridica.com\/buscador_20179478954\/corteconstitucionalcronologico202454587\/category\/buscar-en-toda-la-corte\/2023\/sentencias-2023\/' title='Sentencias 2023' class='pt-cv-tax-sentencias-2023'>Sentencias 2023<\/a><\/div>\n<h4 class=\"pt-cv-title\"><a href=\"https:\/\/www.dmsjuridica.com\/buscador_20179478954\/corteconstitucionalcronologico202454587\/c-122-23\/\" class=\"_self\" target=\"_self\" >C-122-23<\/a><\/h4>\n<div class=\"pt-cv-content\">\u00a0 \u00a0 DERECHOS MORALES DEL AUTOR FALLECIDO-Ejercicio incluye a los herederos con parentesco civil \u00a0 \u00a0\u00a0 El \u00fanico cargo admitido en el presente asunto versa sobre el par\u00e1grafo 2 (parcial) del art\u00edculo 30 de la Ley 23 de 1982. En particular, sobre la expresi\u00f3n \u201cherederos consangu\u00edneos\u201d. A la luz de una interpretaci\u00f3n literal de esta expresi\u00f3n, la Sala Plena considera que dicho par\u00e1grafo no incluye a los herederos con parentesco civil dentro del listado de sujetos a quienes corresponde el ejercicio de los derechos morales del autor fallecido. Esto, a pesar de que los herederos consangu\u00edneos y los herederos con ...<br \/><div class=\"pt-cv-rmwrap\"><a href=\"https:\/\/www.dmsjuridica.com\/buscador_20179478954\/corteconstitucionalcronologico202454587\/c-122-23\/\" class=\"_self pt-cv-readmore btn btn-success\" target=\"_self\">Ver Sentencia Completa...<\/a><\/div><\/div><\/div><\/div>\n<div class=\"col-md-12 col-sm-12 col-xs-12 pt-cv-content-item pt-cv-1-col\" ><div class='pt-cv-ifield'><a href=\"https:\/\/www.dmsjuridica.com\/buscador_20179478954\/corteconstitucionalcronologico202454587\/c-121-23\/\" class=\"_self pt-cv-href-thumbnail pt-cv-thumb-default\" target=\"_self\" ><\/a>\n<div class=\"pt-cv-taxoterm above_title\"><a href='https:\/\/www.dmsjuridica.com\/buscador_20179478954\/corteconstitucionalcronologico202454587\/category\/buscar-en-toda-la-corte\/2023\/sentencias-2023\/' title='Sentencias 2023' class='pt-cv-tax-sentencias-2023'>Sentencias 2023<\/a><\/div>\n<h4 class=\"pt-cv-title\"><a href=\"https:\/\/www.dmsjuridica.com\/buscador_20179478954\/corteconstitucionalcronologico202454587\/c-121-23\/\" class=\"_self\" target=\"_self\" >C-121-23<\/a><\/h4>\n<div class=\"pt-cv-content\">\u00a0 \u00a0 INHIBICION DE LA CORTE CONSTITUCIONAL-Ineptitud sustantiva de la demanda respecto del cargo por la supuesta violaci\u00f3n de los principios de igualdad y debido proceso \u00a0 \u00a0\u00a0 INHIBICION DE LA CORTE CONSTITUCIONAL POR INEPTITUD SUSTANTIVA DE LA DEMANDA-Incumplimiento de requisitos de especificidad, pertinencia y suficiencia \u00a0 \u00a0\u00a0 COSA JUZGADA CONSTITUCIONAL-Requisitos para su configuraci\u00f3n \u00a0 \u00a0 \u00a0 COSA JUZGADA CONSTITUCIONAL-Inexistencia \u00a0 \u00a0\u00a0 DEMANDA DE INCONSTITUCIONALIDAD POR VULNERACION DEL PRINCIPIO DE IGUALDAD-Requisitos en la carga argumentativa \u00a0 \u00a0 \u00a0 \u00a0\u00a0 \u00a0\u00a0 REP\u00daBLICA DE COLOMBIA \u00a0 \u00a0 CORTE CONSTITUCIONAL \u00a0 SALA PLENA \u00a0 \u00a0\u00a0 \u00a0\u00a0 SENTENCIA C-121 DE 2023 \u00a0 \u00a0\u00a0 Referencia: ...<br \/><div class=\"pt-cv-rmwrap\"><a href=\"https:\/\/www.dmsjuridica.com\/buscador_20179478954\/corteconstitucionalcronologico202454587\/c-121-23\/\" class=\"_self pt-cv-readmore btn btn-success\" target=\"_self\">Ver Sentencia Completa...<\/a><\/div><\/div><\/div><\/div>\n<div class=\"col-md-12 col-sm-12 col-xs-12 pt-cv-content-item pt-cv-1-col\" ><div class='pt-cv-ifield'><a href=\"https:\/\/www.dmsjuridica.com\/buscador_20179478954\/corteconstitucionalcronologico202454587\/c-120-23\/\" class=\"_self pt-cv-href-thumbnail pt-cv-thumb-default\" target=\"_self\" ><\/a>\n<div class=\"pt-cv-taxoterm above_title\"><a href='https:\/\/www.dmsjuridica.com\/buscador_20179478954\/corteconstitucionalcronologico202454587\/category\/buscar-en-toda-la-corte\/2023\/sentencias-2023\/' title='Sentencias 2023' class='pt-cv-tax-sentencias-2023'>Sentencias 2023<\/a><\/div>\n<h4 class=\"pt-cv-title\"><a href=\"https:\/\/www.dmsjuridica.com\/buscador_20179478954\/corteconstitucionalcronologico202454587\/c-120-23\/\" class=\"_self\" target=\"_self\" >C-120-23<\/a><\/h4>\n<div class=\"pt-cv-content\">\u00a0 \u00a0 DEMANDA DE INCONSTITUCIONALIDAD-Requisitos de claridad, certeza, especificidad, pertinencia y suficiencia \u00a0 \u00a0 \u00a0 INHIBICION DE LA CORTE CONSTITUCIONAL POR INEPTITUD SUSTANTIVA DE LA DEMANDA-Incumplimiento de requisitos de certeza, especificidad, pertinencia y suficiencia en los cargos \u00a0 \u00a0\u00a0 \u00a0\u00a0 REP\u00daBLICA DE COLOMBIA \u00a0 \u00a0 CORTE CONSTITUCIONAL \u00a0 \u00a0\u00a0 SENTENCIA C-120 de 2023 \u00a0 \u00a0\u00a0 \u00a0\u00a0 Referencia: expediente D-14962 \u00a0 \u00a0\u00a0 Demanda de inconstitucionalidad contra los art\u00edculos 2000 y 2497 del C\u00f3digo Civil y 1033 y 1199 del C\u00f3digo de Comercio. \u00a0 \u00a0\u00a0 Demandante: Juan Manuel L\u00f3pez Molina. \u00a0 \u00a0\u00a0 Magistrada ponente: \u00a0 Diana Fajardo Rivera \u00a0 \u00a0\u00a0 \u00a0\u00a0 Bogot\u00e1 ...<br \/><div class=\"pt-cv-rmwrap\"><a href=\"https:\/\/www.dmsjuridica.com\/buscador_20179478954\/corteconstitucionalcronologico202454587\/c-120-23\/\" class=\"_self pt-cv-readmore btn btn-success\" target=\"_self\">Ver Sentencia Completa...<\/a><\/div><\/div><\/div><\/div>\n<div class=\"col-md-12 col-sm-12 col-xs-12 pt-cv-content-item pt-cv-1-col\" ><div class='pt-cv-ifield'><a href=\"https:\/\/www.dmsjuridica.com\/buscador_20179478954\/corteconstitucionalcronologico202454587\/c-113-23\/\" class=\"_self pt-cv-href-thumbnail pt-cv-thumb-default\" target=\"_self\" ><\/a>\n<div class=\"pt-cv-taxoterm above_title\"><a href='https:\/\/www.dmsjuridica.com\/buscador_20179478954\/corteconstitucionalcronologico202454587\/category\/buscar-en-toda-la-corte\/2023\/sentencias-2023\/' title='Sentencias 2023' class='pt-cv-tax-sentencias-2023'>Sentencias 2023<\/a><\/div>\n<h4 class=\"pt-cv-title\"><a href=\"https:\/\/www.dmsjuridica.com\/buscador_20179478954\/corteconstitucionalcronologico202454587\/c-113-23\/\" class=\"_self\" target=\"_self\" >C-113-23<\/a><\/h4>\n<div class=\"pt-cv-content\">\u00a0 \u00a0 \u00a0\u00a0 \u00a0\u00a0 \u00a0\u00a0 \u00a0\u00a0 CANCELACI\u00d3N DE LA C\u00c9DULA DE CIUDADAN\u00cdA POR ADQUIRIR CARTA DE NATURALEZA EN OTRO PA\u00cdS-Desconoce supuestos constitucionales de la p\u00e9rdida de ciudadan\u00eda\u00a0 \u00a0 \u00a0\u00a0 (\u2026) es incompatible con la Constituci\u00f3n el supuesto de p\u00e9rdida de la ciudadan\u00eda por el hecho de adquirir carta de naturaleza en otro pa\u00eds (otra nacionalidad), por cuanto el art\u00edculo 98 de la Constituci\u00f3n s\u00f3lo prev\u00e9 como causal de dicha p\u00e9rdida la renuncia a la nacionalidad. Desconoce igualmente que, conforme a lo dispuesto en su art\u00edculo 96, la nacionalidad colombiana no se pierde por el hecho de adquirir otra nacionalidad. \u00a0 ...<br \/><div class=\"pt-cv-rmwrap\"><a href=\"https:\/\/www.dmsjuridica.com\/buscador_20179478954\/corteconstitucionalcronologico202454587\/c-113-23\/\" class=\"_self pt-cv-readmore btn btn-success\" target=\"_self\">Ver Sentencia Completa...<\/a><\/div><\/div><\/div><\/div>\n<div class=\"col-md-12 col-sm-12 col-xs-12 pt-cv-content-item pt-cv-1-col\" ><div class='pt-cv-ifield'><a href=\"https:\/\/www.dmsjuridica.com\/buscador_20179478954\/corteconstitucionalcronologico202454587\/c-112-23\/\" class=\"_self pt-cv-href-thumbnail pt-cv-thumb-default\" target=\"_self\" ><\/a>\n<div class=\"pt-cv-taxoterm above_title\"><a href='https:\/\/www.dmsjuridica.com\/buscador_20179478954\/corteconstitucionalcronologico202454587\/category\/buscar-en-toda-la-corte\/2023\/sentencias-2023\/' title='Sentencias 2023' class='pt-cv-tax-sentencias-2023'>Sentencias 2023<\/a><\/div>\n<h4 class=\"pt-cv-title\"><a href=\"https:\/\/www.dmsjuridica.com\/buscador_20179478954\/corteconstitucionalcronologico202454587\/c-112-23\/\" class=\"_self\" target=\"_self\" >C-112-23<\/a><\/h4>\n<div class=\"pt-cv-content\">\u00a0 \u00a0 CALIDADES PARA SER ELEGIDO DIPUTADO-Exigencia legal sobre el t\u00e9rmino de residencia desconoce requisitos fijados por la Constituci\u00f3n\u00a0 \u00a0 \u00a0\u00a0 \u00a0(\u2026) el art\u00edculo 299 superior dispone los elementos de tiempo, modo y lugar en que se exige el requisito de residencia para quienes aspiren a ser diputados: \u201chaber residido en la respectiva circunscripci\u00f3n electoral durante el a\u00f1o inmediatamente anterior a la fecha de la elecci\u00f3n\u201d. El constituyente no dio lugar a interpretaciones diferentes ni tampoco abri\u00f3 la posibilidad de que el legislador pudiera establecer alternativas para cumplir este requisito. En el caso del art\u00edculo 46 de la Ley 2200 ...<br \/><div class=\"pt-cv-rmwrap\"><a href=\"https:\/\/www.dmsjuridica.com\/buscador_20179478954\/corteconstitucionalcronologico202454587\/c-112-23\/\" class=\"_self pt-cv-readmore btn btn-success\" target=\"_self\">Ver Sentencia Completa...<\/a><\/div><\/div><\/div><\/div>\n<div class=\"col-md-12 col-sm-12 col-xs-12 pt-cv-content-item pt-cv-1-col\" ><div class='pt-cv-ifield'><a href=\"https:\/\/www.dmsjuridica.com\/buscador_20179478954\/corteconstitucionalcronologico202454587\/c-111-23\/\" class=\"_self pt-cv-href-thumbnail pt-cv-thumb-default\" target=\"_self\" ><\/a>\n<div class=\"pt-cv-taxoterm above_title\"><a href='https:\/\/www.dmsjuridica.com\/buscador_20179478954\/corteconstitucionalcronologico202454587\/category\/buscar-en-toda-la-corte\/2023\/sentencias-2023\/' title='Sentencias 2023' class='pt-cv-tax-sentencias-2023'>Sentencias 2023<\/a><\/div>\n<h4 class=\"pt-cv-title\"><a href=\"https:\/\/www.dmsjuridica.com\/buscador_20179478954\/corteconstitucionalcronologico202454587\/c-111-23\/\" class=\"_self\" target=\"_self\" >C-111-23<\/a><\/h4>\n<div class=\"pt-cv-content\">\u00a0 \u00a0 NOTA DE RELATOR\u00cdA. Con fundamento en el oficio suscrito por el magistrado Alejando Linares Cantillo, de fecha 11 de julio de 2023, se procede a corregir el yerro de digitaci\u00f3n que consta en la parte resolutiva de la presente providencia, indicando que la palabra correcta es INEXEQUIBLE. \u00a0 \u00a0\u00a0 \u00a0\u00a0 ACCI\u00d3N DE TUTELA CONTRA LA JURISDICCI\u00d3N ESPECIAL PARA LA PAZ-Competencia de la Secci\u00f3n de Revisi\u00f3n, en primera instancia, y la Secci\u00f3n de Apelaci\u00f3n del Tribunal para la Paz, en segunda instancia\u00a0 \u00a0 \u00a0\u00a0 (\u2026) las acciones de tutela en contra de las providencias judiciales que profiera la JEP ...<br \/><div class=\"pt-cv-rmwrap\"><a href=\"https:\/\/www.dmsjuridica.com\/buscador_20179478954\/corteconstitucionalcronologico202454587\/c-111-23\/\" class=\"_self pt-cv-readmore btn btn-success\" target=\"_self\">Ver Sentencia Completa...<\/a><\/div><\/div><\/div><\/div>\n<div class=\"col-md-12 col-sm-12 col-xs-12 pt-cv-content-item pt-cv-1-col\" ><div class='pt-cv-ifield'><a href=\"https:\/\/www.dmsjuridica.com\/buscador_20179478954\/corteconstitucionalcronologico202454587\/c-110-23\/\" class=\"_self pt-cv-href-thumbnail pt-cv-thumb-default\" target=\"_self\" ><\/a>\n<div class=\"pt-cv-taxoterm above_title\"><a href='https:\/\/www.dmsjuridica.com\/buscador_20179478954\/corteconstitucionalcronologico202454587\/category\/buscar-en-toda-la-corte\/2023\/sentencias-2023\/' title='Sentencias 2023' class='pt-cv-tax-sentencias-2023'>Sentencias 2023<\/a><\/div>\n<h4 class=\"pt-cv-title\"><a href=\"https:\/\/www.dmsjuridica.com\/buscador_20179478954\/corteconstitucionalcronologico202454587\/c-110-23\/\" class=\"_self\" target=\"_self\" >C-110-23<\/a><\/h4>\n<div class=\"pt-cv-content\">\u00a0 \u00a0 Expediente D-14958 \u00a0 MP Cristina Pardo Schlesinger \u00a0 \u00a0\u00a0 \u00a0\u00a0 ASIGNACIONES TESTAMENTARIAS INDETERMINADAS-Comprende a los parientes civiles del causante\u00a0 \u00a0 \u00a0\u00a0 La Corte verific\u00f3 el cumplimiento de los requisitos jurisprudencialmente establecidos para establecer la presencia de una omisi\u00f3n legislativa relativa violatoria del derecho a la igualdad. \u00a0Y tras aplicar un test integrado de igualdad de intensidad estricta, concluy\u00f3 que la expresi\u00f3n analizada no persegu\u00eda un fin constitucionalmente v\u00e1lido, al establecer diferencias de derechos fundadas en la distinci\u00f3n entre el parentesco por consanguinidad y el parentesco civil, en contra de los se\u00f1alado en los art\u00edculos 5, 13 y 42 ...<br \/><div class=\"pt-cv-rmwrap\"><a href=\"https:\/\/www.dmsjuridica.com\/buscador_20179478954\/corteconstitucionalcronologico202454587\/c-110-23\/\" class=\"_self pt-cv-readmore btn btn-success\" target=\"_self\">Ver Sentencia Completa...<\/a><\/div><\/div><\/div><\/div>\n<div class=\"col-md-12 col-sm-12 col-xs-12 pt-cv-content-item pt-cv-1-col\" ><div class='pt-cv-ifield'><a href=\"https:\/\/www.dmsjuridica.com\/buscador_20179478954\/corteconstitucionalcronologico202454587\/c-109-23\/\" class=\"_self pt-cv-href-thumbnail pt-cv-thumb-default\" target=\"_self\" ><\/a>\n<div class=\"pt-cv-taxoterm above_title\"><a href='https:\/\/www.dmsjuridica.com\/buscador_20179478954\/corteconstitucionalcronologico202454587\/category\/buscar-en-toda-la-corte\/2023\/sentencias-2023\/' title='Sentencias 2023' class='pt-cv-tax-sentencias-2023'>Sentencias 2023<\/a><\/div>\n<h4 class=\"pt-cv-title\"><a href=\"https:\/\/www.dmsjuridica.com\/buscador_20179478954\/corteconstitucionalcronologico202454587\/c-109-23\/\" class=\"_self\" target=\"_self\" >C-109-23<\/a><\/h4>\n<div class=\"pt-cv-content\">REGULACI\u00d3N LEGISLATIVA SOBRE ENERG\u00cdAS RENOVABLES Y TRANSICI\u00d3N ENERG\u00c9TICA-Normas que requieren iniciativa legislativa del Gobierno tienen su aval REGULACI\u00d3N LEGISLATIVA SOBRE ENERG\u00cdAS RENOVABLES Y TRANSICI\u00d3N ENERG\u00c9TICA-Normas no modifican la estructura de la administraci\u00f3n nacional ESTRUCTURA DE LA ADMINISTRACION NACIONAL-Modificaci\u00f3n de la integraci\u00f3n de la Comisi\u00f3n de Regulaci\u00f3n de Energ\u00eda y Gas tienen aval del Gobierno PRINCIPIO DE PUBLICIDAD EN TRAMITE LEGISLATIVO-No vulneraci\u00f3n\/PRINCIPIO DE CONSECUTIVIDAD EN TRAMITE LEGISLATIVO-No vulneraci\u00f3n (\u2026) en el tr\u00e1mite de aprobaci\u00f3n de la Ley 2099 de 2021, no se vulneraron los principios de publicidad y consecutividad. Esto, porque las proposiciones presentadas s\u00ed fueron debidamente publicitadas y por cuanto ...<br \/><div class=\"pt-cv-rmwrap\"><a href=\"https:\/\/www.dmsjuridica.com\/buscador_20179478954\/corteconstitucionalcronologico202454587\/c-109-23\/\" class=\"_self pt-cv-readmore btn btn-success\" target=\"_self\">Ver Sentencia Completa...<\/a><\/div><\/div><\/div><\/div>\n<div class=\"col-md-12 col-sm-12 col-xs-12 pt-cv-content-item pt-cv-1-col\" ><div class='pt-cv-ifield'><a href=\"https:\/\/www.dmsjuridica.com\/buscador_20179478954\/corteconstitucionalcronologico202454587\/c-108-23\/\" class=\"_self pt-cv-href-thumbnail pt-cv-thumb-default\" target=\"_self\" ><\/a>\n<div class=\"pt-cv-taxoterm above_title\"><a href='https:\/\/www.dmsjuridica.com\/buscador_20179478954\/corteconstitucionalcronologico202454587\/category\/buscar-en-toda-la-corte\/2023\/sentencias-2023\/' title='Sentencias 2023' class='pt-cv-tax-sentencias-2023'>Sentencias 2023<\/a><\/div>\n<h4 class=\"pt-cv-title\"><a href=\"https:\/\/www.dmsjuridica.com\/buscador_20179478954\/corteconstitucionalcronologico202454587\/c-108-23\/\" class=\"_self\" target=\"_self\" >C-108-23<\/a><\/h4>\n<div class=\"pt-cv-content\">\u00a0 \u00a0 PERSONAS EN SITUACI\u00d3N DE DISCAPACIDAD-Expresi\u00f3n \u201cnormal\u201d, a partir de la diferenciaci\u00f3n que introduce, vulnera derechos a la igualdad y a la dignidad humana \u00a0 \u00a0\u00a0 Se incurre en una discriminaci\u00f3n respecto de las PSD, que vulnera no solo el mandato de igualdad sino tambi\u00e9n el principio de la dignidad humana, pues el uso de la palabra \u201cnormal\u201d, en el contexto dirigido a plantear una distinci\u00f3n o diferenciaci\u00f3n de este colectivo respecto de otro grupo de individuos, lo que hace es negar su valor como personas, dejando de lado la importancia de sus capacidades diversas, a partir de la ...<br \/><div class=\"pt-cv-rmwrap\"><a href=\"https:\/\/www.dmsjuridica.com\/buscador_20179478954\/corteconstitucionalcronologico202454587\/c-108-23\/\" class=\"_self pt-cv-readmore btn btn-success\" target=\"_self\">Ver Sentencia Completa...<\/a><\/div><\/div><\/div><\/div>\n<div class=\"col-md-12 col-sm-12 col-xs-12 pt-cv-content-item pt-cv-1-col\" ><div class='pt-cv-ifield'><a href=\"https:\/\/www.dmsjuridica.com\/buscador_20179478954\/corteconstitucionalcronologico202454587\/c-103-23\/\" class=\"_self pt-cv-href-thumbnail pt-cv-thumb-default\" target=\"_self\" ><\/a>\n<div class=\"pt-cv-taxoterm above_title\"><a href='https:\/\/www.dmsjuridica.com\/buscador_20179478954\/corteconstitucionalcronologico202454587\/category\/buscar-en-toda-la-corte\/2023\/sentencias-2023\/' title='Sentencias 2023' class='pt-cv-tax-sentencias-2023'>Sentencias 2023<\/a><\/div>\n<h4 class=\"pt-cv-title\"><a href=\"https:\/\/www.dmsjuridica.com\/buscador_20179478954\/corteconstitucionalcronologico202454587\/c-103-23\/\" class=\"_self\" target=\"_self\" >C-103-23<\/a><\/h4>\n<div class=\"pt-cv-content\">Expediente D-14747 AC REP\u00daBLICA DE COLOMBIA CORTE CONSTITUCIONAL -Sala Plena- SENTENCIA C-103 DE 2023 Referencia: Expedientes D-14747, D-14752 y D-14754 acumulados Demanda de inconstitucionalidad contra los art\u00edculos 4, 5, 13, y 21.8 de la Ley 2197 de 2022 \u201cPor medio de la cual se dictan normas tendientes al fortalecimiento de la seguridad ciudadana y se dictan otras disposiciones\u201d. Actores: Juan Pablo Uribe Barrera, Jorge Kenneth Burbano Villamar\u00edn, Laura Juliana Ram\u00edrez Morales y otros Magistrado ponente: ALEJANDRO LINARES CANTILLO La Sala Plena de la Corte Constitucional, en ejercicio de sus atribuciones constitucionales y en cumplimiento de los requisitos y tr\u00e1mites establecidos ...<br \/><div class=\"pt-cv-rmwrap\"><a href=\"https:\/\/www.dmsjuridica.com\/buscador_20179478954\/corteconstitucionalcronologico202454587\/c-103-23\/\" class=\"_self pt-cv-readmore btn btn-success\" target=\"_self\">Ver Sentencia Completa...<\/a><\/div><\/div><\/div><\/div>\n<div class=\"col-md-12 col-sm-12 col-xs-12 pt-cv-content-item pt-cv-1-col\" ><div class='pt-cv-ifield'><a href=\"https:\/\/www.dmsjuridica.com\/buscador_20179478954\/corteconstitucionalcronologico202454587\/c-081-23\/\" class=\"_self pt-cv-href-thumbnail pt-cv-thumb-default\" target=\"_self\" ><\/a>\n<div class=\"pt-cv-taxoterm above_title\"><a href='https:\/\/www.dmsjuridica.com\/buscador_20179478954\/corteconstitucionalcronologico202454587\/category\/buscar-en-toda-la-corte\/2023\/sentencias-2023\/' title='Sentencias 2023' class='pt-cv-tax-sentencias-2023'>Sentencias 2023<\/a><\/div>\n<h4 class=\"pt-cv-title\"><a href=\"https:\/\/www.dmsjuridica.com\/buscador_20179478954\/corteconstitucionalcronologico202454587\/c-081-23\/\" class=\"_self\" target=\"_self\" >C-081-23<\/a><\/h4>\n<div class=\"pt-cv-content\">\u00a0 \u00a0 TRASLADO POR PROTECCI\u00d3N-Contenido del informe elaborado por la autoridad de polic\u00eda\/TRASLADO POR PROTECCI\u00d3N-Persona sujeta al traslado podr\u00e1 solicitar la cesaci\u00f3n del procedimiento al superior jer\u00e1rquico que haya recibido el informe \u00a0 \u00a0\u00a0 La Sala declarar\u00e1 la exequibilidad de la norma enunciada en el par\u00e1grafo 5 del art\u00edculo 155 de la Ley 1801 de 2016, modificado por el art\u00edculo 40 de la Ley 2197 de 2022, bajo el entendido de que: 1) en el informe escrito exigido por el par\u00e1grafo 5\u00ba del art\u00edculo 155 de la Ley 1801 de 2016, adem\u00e1s de se\u00f1alar los nombres, datos de identificaci\u00f3n de ...<br \/><div class=\"pt-cv-rmwrap\"><a href=\"https:\/\/www.dmsjuridica.com\/buscador_20179478954\/corteconstitucionalcronologico202454587\/c-081-23\/\" class=\"_self pt-cv-readmore btn btn-success\" target=\"_self\">Ver Sentencia Completa...<\/a><\/div><\/div><\/div><\/div>\n<div class=\"col-md-12 col-sm-12 col-xs-12 pt-cv-content-item pt-cv-1-col\" ><div class='pt-cv-ifield'><a href=\"https:\/\/www.dmsjuridica.com\/buscador_20179478954\/corteconstitucionalcronologico202454587\/c-080-23\/\" class=\"_self pt-cv-href-thumbnail pt-cv-thumb-default\" target=\"_self\" ><\/a>\n<div class=\"pt-cv-taxoterm above_title\"><a href='https:\/\/www.dmsjuridica.com\/buscador_20179478954\/corteconstitucionalcronologico202454587\/category\/buscar-en-toda-la-corte\/2023\/sentencias-2023\/' title='Sentencias 2023' class='pt-cv-tax-sentencias-2023'>Sentencias 2023<\/a><\/div>\n<h4 class=\"pt-cv-title\"><a href=\"https:\/\/www.dmsjuridica.com\/buscador_20179478954\/corteconstitucionalcronologico202454587\/c-080-23\/\" class=\"_self\" target=\"_self\" >C-080-23<\/a><\/h4>\n<div class=\"pt-cv-content\">\u00a0 \u00a0 PRINCIPIO DE UNIDAD DE MATERIA-No vulneraci\u00f3n \u00a0 \u00a0\u00a0 \u00a0(\u2026) la Sala Plena constata que la regulaci\u00f3n de los beneficios por colaboraci\u00f3n y del monto de las multas que puede imponer la Superintendencia de Industria y Comercio, en los procesos de investigaci\u00f3n y sanci\u00f3n de estas conductas, guardan relaci\u00f3n de conexidad tem\u00e1tica con el objeto y las dem\u00e1s disposiciones que componen la Ley 2195 de 2022. En particular en cuanto son normas tendientes a prevenir los actos de corrupci\u00f3n, recuperar los da\u00f1os causados por esos actos, y promover la cultura de la legalidad e integridad. En adici\u00f3n, las disposiciones ...<br \/><div class=\"pt-cv-rmwrap\"><a href=\"https:\/\/www.dmsjuridica.com\/buscador_20179478954\/corteconstitucionalcronologico202454587\/c-080-23\/\" class=\"_self pt-cv-readmore btn btn-success\" target=\"_self\">Ver Sentencia Completa...<\/a><\/div><\/div><\/div><\/div>\n<div class=\"col-md-12 col-sm-12 col-xs-12 pt-cv-content-item pt-cv-1-col\" ><div class='pt-cv-ifield'><a href=\"https:\/\/www.dmsjuridica.com\/buscador_20179478954\/corteconstitucionalcronologico202454587\/c-078-23\/\" class=\"_self pt-cv-href-thumbnail pt-cv-thumb-default\" target=\"_self\" ><\/a>\n<div class=\"pt-cv-taxoterm above_title\"><a href='https:\/\/www.dmsjuridica.com\/buscador_20179478954\/corteconstitucionalcronologico202454587\/category\/buscar-en-toda-la-corte\/2023\/sentencias-2023\/' title='Sentencias 2023' class='pt-cv-tax-sentencias-2023'>Sentencias 2023<\/a><\/div>\n<h4 class=\"pt-cv-title\"><a href=\"https:\/\/www.dmsjuridica.com\/buscador_20179478954\/corteconstitucionalcronologico202454587\/c-078-23\/\" class=\"_self\" target=\"_self\" >C-078-23<\/a><\/h4>\n<div class=\"pt-cv-content\">\u00a0 \u00a0 TRABAJADORES DE LA CONSTRUCCI\u00d3N CON CONTRATOS INFERIORES A UN MES-L\u00edmite temporal para reconocimiento de vacaciones y auxilio de cesant\u00edas desconoce los derechos al trabajo, a la seguridad social y a la igualdad \u00a0 \u00a0\u00a0 \u00a0\u00a0 TRABAJADORES DE LA CONSTRUCCI\u00d3N CON CONTRATOS INFERIORES A UN MES-Reconocimiento de vacaciones y auxilio de cesant\u00eda proporcional al tiempo trabajado \u00a0 \u00a0\u00a0 TRABAJADORES DE LA CONSTRUCCI\u00d3N-Situaci\u00f3n de vulnerabilidad \u00a0 \u00a0\u00a0 \u00a0CONTROL DE CONSTITUCIONALIDAD-Procedencia respecto de disposici\u00f3n que existe en el ordenamiento jur\u00eddico y que se encuentra produciendo efectos jur\u00eddicos \u00a0 \u00a0\u00a0 INTERVENCION CIUDADANA EN PROCESO DE CONSTITUCIONALIDAD-Alcance\/DEMANDA DE INCONSTITUCIONALIDAD-Improcedencia de pronunciamiento sobre nuevo ...<br \/><div class=\"pt-cv-rmwrap\"><a href=\"https:\/\/www.dmsjuridica.com\/buscador_20179478954\/corteconstitucionalcronologico202454587\/c-078-23\/\" class=\"_self pt-cv-readmore btn btn-success\" target=\"_self\">Ver Sentencia Completa...<\/a><\/div><\/div><\/div><\/div>\n<div class=\"col-md-12 col-sm-12 col-xs-12 pt-cv-content-item pt-cv-1-col\" ><div class='pt-cv-ifield'><a href=\"https:\/\/www.dmsjuridica.com\/buscador_20179478954\/corteconstitucionalcronologico202454587\/c-077-23\/\" class=\"_self pt-cv-href-thumbnail pt-cv-thumb-default\" target=\"_self\" ><\/a>\n<div class=\"pt-cv-taxoterm above_title\"><a href='https:\/\/www.dmsjuridica.com\/buscador_20179478954\/corteconstitucionalcronologico202454587\/category\/buscar-en-toda-la-corte\/2023\/sentencias-2023\/' title='Sentencias 2023' class='pt-cv-tax-sentencias-2023'>Sentencias 2023<\/a><\/div>\n<h4 class=\"pt-cv-title\"><a href=\"https:\/\/www.dmsjuridica.com\/buscador_20179478954\/corteconstitucionalcronologico202454587\/c-077-23\/\" class=\"_self\" target=\"_self\" >C-077-23<\/a><\/h4>\n<div class=\"pt-cv-content\">Expediente D-14.038 M.P. Jorge Enrique Ib\u00e1\u00f1ez Najar DERECHOS PATRIMONIALES DE AUTOR Y CONEXOS-Ineficacia de estipulaciones sobre formas de explotaci\u00f3n o modalidades de utilizaci\u00f3n inexistentes o desconocidas protege al autor de la obra (\u2026) la medida no s\u00f3lo es justificada, sino tambi\u00e9n pertinente para proteger, en esencia, al autor de la obra, el int\u00e9rprete de la novela o la canci\u00f3n, el productor fonogr\u00e1fico de la m\u00fasica, la emisi\u00f3n del canal de radio o de la televisi\u00f3n, pues evita la presencia de aspectos que culminen en futuras desventajas o desequilibrios dentro del campo contractual y\/o econ\u00f3mico, que pueden presentarse al momento de ...<br \/><div class=\"pt-cv-rmwrap\"><a href=\"https:\/\/www.dmsjuridica.com\/buscador_20179478954\/corteconstitucionalcronologico202454587\/c-077-23\/\" class=\"_self pt-cv-readmore btn btn-success\" target=\"_self\">Ver Sentencia Completa...<\/a><\/div><\/div><\/div><\/div>\n<div class=\"col-md-12 col-sm-12 col-xs-12 pt-cv-content-item pt-cv-1-col\" ><div class='pt-cv-ifield'><a href=\"https:\/\/www.dmsjuridica.com\/buscador_20179478954\/corteconstitucionalcronologico202454587\/c-069-23\/\" class=\"_self pt-cv-href-thumbnail pt-cv-thumb-default\" target=\"_self\" ><\/a>\n<div class=\"pt-cv-taxoterm above_title\"><a href='https:\/\/www.dmsjuridica.com\/buscador_20179478954\/corteconstitucionalcronologico202454587\/category\/buscar-en-toda-la-corte\/2023\/sentencias-2023\/' title='Sentencias 2023' class='pt-cv-tax-sentencias-2023'>Sentencias 2023<\/a><\/div>\n<h4 class=\"pt-cv-title\"><a href=\"https:\/\/www.dmsjuridica.com\/buscador_20179478954\/corteconstitucionalcronologico202454587\/c-069-23\/\" class=\"_self\" target=\"_self\" >C-069-23<\/a><\/h4>\n<div class=\"pt-cv-content\">\u00a0 \u00a0 C\u00d3DIGO NACIONAL DE SEGURIDAD Y CONVIVENCIA CIUDADANA-Expresi\u00f3n \u201cexhibicionismo que genere molestia a la comunidad\u201d es un concepto jur\u00eddico indeterminado que vulnera el principio de estricta legalidad \u00a0 \u00a0\u00a0 C\u00d3DIGO NACIONAL DE SEGURIDAD Y CONVIVENCIA CIUDADANA-Prohibici\u00f3n de exhibicionismo cuando se exponen \u00f3rganos genitales para generar acoso o violencia sexual \u00a0 \u00a0\u00a0 C\u00d3DIGO NACIONAL DE SEGURIDAD Y CONVIVENCIA CIUDADANA-Jurisprudencia constitucional \u00a0 \u00a0\u00a0 POLICIA NACIONAL-Concepto\/POLICIA NACIONAL-Finalidad primordial \u00a0 \u00a0\u00a0 PODER DE POLICIA-Concepto \u00a0 El poder de polic\u00eda es la facultad de expedir las normas en materia de polic\u00eda, de car\u00e1cter general, impersonal y abstracto, ejercida por el Congreso de la Rep\u00fablica ...<br \/><div class=\"pt-cv-rmwrap\"><a href=\"https:\/\/www.dmsjuridica.com\/buscador_20179478954\/corteconstitucionalcronologico202454587\/c-069-23\/\" class=\"_self pt-cv-readmore btn btn-success\" target=\"_self\">Ver Sentencia Completa...<\/a><\/div><\/div><\/div><\/div>\n<div class=\"col-md-12 col-sm-12 col-xs-12 pt-cv-content-item pt-cv-1-col\" ><div class='pt-cv-ifield'><a href=\"https:\/\/www.dmsjuridica.com\/buscador_20179478954\/corteconstitucionalcronologico202454587\/c-066-23\/\" class=\"_self pt-cv-href-thumbnail pt-cv-thumb-default\" target=\"_self\" ><\/a>\n<div class=\"pt-cv-taxoterm above_title\"><a href='https:\/\/www.dmsjuridica.com\/buscador_20179478954\/corteconstitucionalcronologico202454587\/category\/buscar-en-toda-la-corte\/2023\/sentencias-2023\/' title='Sentencias 2023' class='pt-cv-tax-sentencias-2023'>Sentencias 2023<\/a><\/div>\n<h4 class=\"pt-cv-title\"><a href=\"https:\/\/www.dmsjuridica.com\/buscador_20179478954\/corteconstitucionalcronologico202454587\/c-066-23\/\" class=\"_self\" target=\"_self\" >C-066-23<\/a><\/h4>\n<div class=\"pt-cv-content\">\u00a0 \u00a0 DEMANDA DE INCONSTITUCIONALIDAD-Requisitos de claridad, certeza, especificidad, pertinencia y suficiencia \u00a0 \u00a0\u00a0 COSA JUZGADA-Efectos respecto de decisiones de exequibilidad y inexequibilidad \u00a0 \u00a0\u00a0 COSA JUZGADA CONSTITUCIONAL Y NUEVO JUICIO DE CONSTITUCIONALIDAD-Criterios de valoraci\u00f3n \u00a0 \u00a0\u00a0 \u00a0\u00a0 SENTENCIAS DE LA CORTE CONSTITUCIONAL-Hacen tr\u00e1nsito a cosa juzgada constitucional \u00a0 \u00a0\u00a0 CORTE CONSTITUCIONAL-Falta de competencia para realizar control de constitucionalidad de sus sentencias \u00a0 \u00a0\u00a0 CONTROL DE CONSTITUCIONALIDAD DE OMISION LEGISLATIVA ABSOLUTA-Incompetencia de la Corte Constitucional \u00a0 \u00a0\u00a0 DEMANDA DE INCONSTITUCIONALIDAD-Inhibici\u00f3n por ineptitud sustantiva de la demanda \u00a0 \u00a0\u00a0 \u00a0\u00a0 \u00a0\u00a0 \u00a0\u00a0 REP\u00daBLICA DE COLOMBIA \u00a0 \u00a0 CORTE CONSTITUCIONAL \u00a0 Sala ...<br \/><div class=\"pt-cv-rmwrap\"><a href=\"https:\/\/www.dmsjuridica.com\/buscador_20179478954\/corteconstitucionalcronologico202454587\/c-066-23\/\" class=\"_self pt-cv-readmore btn btn-success\" target=\"_self\">Ver Sentencia Completa...<\/a><\/div><\/div><\/div><\/div>\n<div class=\"col-md-12 col-sm-12 col-xs-12 pt-cv-content-item pt-cv-1-col\" ><div class='pt-cv-ifield'><a href=\"https:\/\/www.dmsjuridica.com\/buscador_20179478954\/corteconstitucionalcronologico202454587\/c-059-23\/\" class=\"_self pt-cv-href-thumbnail pt-cv-thumb-default\" target=\"_self\" ><\/a>\n<div class=\"pt-cv-taxoterm above_title\"><a href='https:\/\/www.dmsjuridica.com\/buscador_20179478954\/corteconstitucionalcronologico202454587\/category\/buscar-en-toda-la-corte\/2023\/sentencias-2023\/' title='Sentencias 2023' class='pt-cv-tax-sentencias-2023'>Sentencias 2023<\/a><\/div>\n<h4 class=\"pt-cv-title\"><a href=\"https:\/\/www.dmsjuridica.com\/buscador_20179478954\/corteconstitucionalcronologico202454587\/c-059-23\/\" class=\"_self\" target=\"_self\" >C-059-23<\/a><\/h4>\n<div class=\"pt-cv-content\">Expediente D-14665 P\u00e1gina \u00a0de REP\u00daBLICA DE COLOMBIA CORTE CONSTITUCIONAL SENTENCIA C-059 DE 2023 Referencia: Expediente D-14665 Asunto: Demanda de inconstitucionalidad contra los art\u00edculos 4 (par\u00e1grafo 1\u00b0), 12 (literal k), 29, 30 y 31 de la Ley 1861 de 2017, \u201cpor la cual se reglamenta el servicio de reclutamiento, control de reservas y la movilizaci\u00f3n\u201d Demandante: Michael Steven Osorio G\u00f3mez. Magistrado Ponente: ALEJANDRO LINARES CANTILLO Bogot\u00e1 D.C., nueve (9) de marzo de dos mil veintitr\u00e9s (2023). La Sala Plena de la Corte Constitucional, en ejercicio de sus competencias constitucionales y legales, en especial de la prevista por el art\u00edculo 241.4 de ...<br \/><div class=\"pt-cv-rmwrap\"><a href=\"https:\/\/www.dmsjuridica.com\/buscador_20179478954\/corteconstitucionalcronologico202454587\/c-059-23\/\" class=\"_self pt-cv-readmore btn btn-success\" target=\"_self\">Ver Sentencia Completa...<\/a><\/div><\/div><\/div><\/div>\n<div class=\"col-md-12 col-sm-12 col-xs-12 pt-cv-content-item pt-cv-1-col\" ><div class='pt-cv-ifield'><a href=\"https:\/\/www.dmsjuridica.com\/buscador_20179478954\/corteconstitucionalcronologico202454587\/c-054-23\/\" class=\"_self pt-cv-href-thumbnail pt-cv-thumb-default\" target=\"_self\" ><\/a>\n<div class=\"pt-cv-taxoterm above_title\"><a href='https:\/\/www.dmsjuridica.com\/buscador_20179478954\/corteconstitucionalcronologico202454587\/category\/buscar-en-toda-la-corte\/2023\/sentencias-2023\/' title='Sentencias 2023' class='pt-cv-tax-sentencias-2023'>Sentencias 2023<\/a><\/div>\n<h4 class=\"pt-cv-title\"><a href=\"https:\/\/www.dmsjuridica.com\/buscador_20179478954\/corteconstitucionalcronologico202454587\/c-054-23\/\" class=\"_self\" target=\"_self\" >C-054-23<\/a><\/h4>\n<div class=\"pt-cv-content\">DERECHO FUNDAMENTAL A LA CONSULTA PREVIA-Vulneraci\u00f3n \u00a0 Las normas impugnadas se exponen altamente restrictivas del derecho a la consulta previa de las comunidades ind\u00edgenas, al impactar zonas de sus territorios en las cuales desarrollan sus pr\u00e1cticas culturales, autogobierno e instituciones propias, con car\u00e1cter persistente e intenso y que se relacionan de manera inescindible con los derechos reconocidos en la Constituci\u00f3n y en el Convenio 169 de la OIT. La ausencia de una LOOT no se puede constituir en una excusa para que se desconozca el art\u00edculo 329 y el r\u00e9gimen transitorio (art. 56) de la Constituci\u00f3n, que ha permitido poner ...<br \/><div class=\"pt-cv-rmwrap\"><a href=\"https:\/\/www.dmsjuridica.com\/buscador_20179478954\/corteconstitucionalcronologico202454587\/c-054-23\/\" class=\"_self pt-cv-readmore btn btn-success\" target=\"_self\">Ver Sentencia Completa...<\/a><\/div><\/div><\/div><\/div>\n<div class=\"col-md-12 col-sm-12 col-xs-12 pt-cv-content-item pt-cv-1-col\" ><div class='pt-cv-ifield'><a href=\"https:\/\/www.dmsjuridica.com\/buscador_20179478954\/corteconstitucionalcronologico202454587\/c-053-23\/\" class=\"_self pt-cv-href-thumbnail pt-cv-thumb-default\" target=\"_self\" ><\/a>\n<div class=\"pt-cv-taxoterm above_title\"><a href='https:\/\/www.dmsjuridica.com\/buscador_20179478954\/corteconstitucionalcronologico202454587\/category\/buscar-en-toda-la-corte\/2023\/sentencias-2023\/' title='Sentencias 2023' class='pt-cv-tax-sentencias-2023'>Sentencias 2023<\/a><\/div>\n<h4 class=\"pt-cv-title\"><a href=\"https:\/\/www.dmsjuridica.com\/buscador_20179478954\/corteconstitucionalcronologico202454587\/c-053-23\/\" class=\"_self\" target=\"_self\" >C-053-23<\/a><\/h4>\n<div class=\"pt-cv-content\">\u00a0 \u00a0 NORMAS DEL ESTATUTO TRIBUTARIO-Se equipara la situaci\u00f3n de personas unidas por v\u00ednculos de consanguinidad y parentesco civil \u00a0 \u00a0\u00a0 (\u2026) considerando que con la redacci\u00f3n actual los art\u00edculos demandados se vulnera el derecho a la igualdad, se adoptar\u00e1 el remedio constitucional ya aplicado por la jurisprudencia en casos como el actual, en los que se declara exequible la disposici\u00f3n, pero se condiciona su entendimiento para corregir el tratamiento discriminatorio. En este sentido, cuando en los enunciados demandados se hace referencia al cuarto grado de consanguinidad (en el caso del art\u00edculo 23-1 ET) o segundo grado de consanguinidad (en ...<br \/><div class=\"pt-cv-rmwrap\"><a href=\"https:\/\/www.dmsjuridica.com\/buscador_20179478954\/corteconstitucionalcronologico202454587\/c-053-23\/\" class=\"_self pt-cv-readmore btn btn-success\" target=\"_self\">Ver Sentencia Completa...<\/a><\/div><\/div><\/div><\/div>\n<div class=\"col-md-12 col-sm-12 col-xs-12 pt-cv-content-item pt-cv-1-col\" ><div class='pt-cv-ifield'><a href=\"https:\/\/www.dmsjuridica.com\/buscador_20179478954\/corteconstitucionalcronologico202454587\/c-044-23\/\" class=\"_self pt-cv-href-thumbnail pt-cv-thumb-default\" target=\"_self\" ><\/a>\n<div class=\"pt-cv-taxoterm above_title\"><a href='https:\/\/www.dmsjuridica.com\/buscador_20179478954\/corteconstitucionalcronologico202454587\/category\/buscar-en-toda-la-corte\/2023\/sentencias-2023\/' title='Sentencias 2023' class='pt-cv-tax-sentencias-2023'>Sentencias 2023<\/a><\/div>\n<h4 class=\"pt-cv-title\"><a href=\"https:\/\/www.dmsjuridica.com\/buscador_20179478954\/corteconstitucionalcronologico202454587\/c-044-23\/\" class=\"_self\" target=\"_self\" >C-044-23<\/a><\/h4>\n<div class=\"pt-cv-content\">\u00a0 \u00a0 FACULTADES SANCIONATORIAS DE LA SUPERINTENDENCIA DE INDUSTRIA Y COMERCIO EN MATERIA DE PROTECCI\u00d3N AL CONSUMIDOR-No se vulneran principios de tipicidad y reserva de ley \u00a0 \u00a0\u00a0 \u00a0(\u2026) se cumple el principio de legalidad, en particular, los principios de tipicidad y reserva de ley que lo integran, pues el legislador fij\u00f3 en el art\u00edculo 61 de la Ley 1480 de 2011 criterios objetivos que permiten razonablemente concretar la hip\u00f3tesis normativa sancionatoria. Esto porque se\u00f1al\u00f3 los elementos b\u00e1sicos de la conducta t\u00edpica que puede ser sancionada; estableci\u00f3 un marco de referencia cierto que permite concretar de manera razonable las conductas ...<br \/><div class=\"pt-cv-rmwrap\"><a href=\"https:\/\/www.dmsjuridica.com\/buscador_20179478954\/corteconstitucionalcronologico202454587\/c-044-23\/\" class=\"_self pt-cv-readmore btn btn-success\" target=\"_self\">Ver Sentencia Completa...<\/a><\/div><\/div><\/div><\/div>\n<div class=\"col-md-12 col-sm-12 col-xs-12 pt-cv-content-item pt-cv-1-col\" ><div class='pt-cv-ifield'><a href=\"https:\/\/www.dmsjuridica.com\/buscador_20179478954\/corteconstitucionalcronologico202454587\/c-043-23\/\" class=\"_self pt-cv-href-thumbnail pt-cv-thumb-default\" target=\"_self\" ><\/a>\n<div class=\"pt-cv-taxoterm above_title\"><a href='https:\/\/www.dmsjuridica.com\/buscador_20179478954\/corteconstitucionalcronologico202454587\/category\/buscar-en-toda-la-corte\/2023\/sentencias-2023\/' title='Sentencias 2023' class='pt-cv-tax-sentencias-2023'>Sentencias 2023<\/a><\/div>\n<h4 class=\"pt-cv-title\"><a href=\"https:\/\/www.dmsjuridica.com\/buscador_20179478954\/corteconstitucionalcronologico202454587\/c-043-23\/\" class=\"_self\" target=\"_self\" >C-043-23<\/a><\/h4>\n<div class=\"pt-cv-content\">\u00a0 \u00a0 ESTRUCTURA DE LA ADMINISTRACI\u00d3N-Competencia asignada a la Agencia Nacional de Defensa Jur\u00eddica del Estado para el cobro coactivo de multas requiere iniciativa legislativa o aval del Gobierno \u00a0 \u00a0\u00a0 La Sala Plena encuentra probado que la reforma a la estructura de la Administraci\u00f3n contenida en el par\u00e1grafo del art\u00edculo sexto de la Ley no fue avalada por el Gobierno nacional. Por consiguiente, dicha norma es inconstitucional pues, de acuerdo con el art\u00edculo 154 del texto superior, la medida estaba sometida a la regla de iniciativa gubernamental exclusiva. De tal suerte, en la medida en que no fue propuesta ...<br \/><div class=\"pt-cv-rmwrap\"><a href=\"https:\/\/www.dmsjuridica.com\/buscador_20179478954\/corteconstitucionalcronologico202454587\/c-043-23\/\" class=\"_self pt-cv-readmore btn btn-success\" target=\"_self\">Ver Sentencia Completa...<\/a><\/div><\/div><\/div><\/div>\n<div class=\"col-md-12 col-sm-12 col-xs-12 pt-cv-content-item pt-cv-1-col\" ><div class='pt-cv-ifield'><a href=\"https:\/\/www.dmsjuridica.com\/buscador_20179478954\/corteconstitucionalcronologico202454587\/c-037-23\/\" class=\"_self pt-cv-href-thumbnail pt-cv-thumb-default\" target=\"_self\" ><\/a>\n<div class=\"pt-cv-taxoterm above_title\"><a href='https:\/\/www.dmsjuridica.com\/buscador_20179478954\/corteconstitucionalcronologico202454587\/category\/buscar-en-toda-la-corte\/2023\/sentencias-2023\/' title='Sentencias 2023' class='pt-cv-tax-sentencias-2023'>Sentencias 2023<\/a><\/div>\n<h4 class=\"pt-cv-title\"><a href=\"https:\/\/www.dmsjuridica.com\/buscador_20179478954\/corteconstitucionalcronologico202454587\/c-037-23\/\" class=\"_self\" target=\"_self\" >C-037-23<\/a><\/h4>\n<div class=\"pt-cv-content\">\u00a0 \u00a0 \u00a0\u00a0 \u00a0\u00a0 \u00a0\u00a0 DESTINACI\u00d3N PREVALENTE A ENTIDADES DIFERENTES A LA AGENCIA NACIONAL DE TIERRAS DE LOS PREDIOS RURALES OBJETO DE EXTINCI\u00d3N DE DOMINIO-Vulnera principio de progresividad en el cumplimiento del Acuerdo Final de Paz \u00a0 \u00a0\u00a0 (\u2026) cuando el art\u00edculo 50 de la Ley 2197 de 2022 que aqu\u00ed se demanda, sustituy\u00f3 la destinaci\u00f3n de los bienes de extinci\u00f3n de dominio al cumplimiento de lo dispuesto en el punto 1.1.1 del Acuerdo, por su destinaci\u00f3n a entidades estatales, entre las que la Agencia Nacional de Tierras (administradora del Fondo de Tierras) queda relegada a un tercer lugar en ...<br \/><div class=\"pt-cv-rmwrap\"><a href=\"https:\/\/www.dmsjuridica.com\/buscador_20179478954\/corteconstitucionalcronologico202454587\/c-037-23\/\" class=\"_self pt-cv-readmore btn btn-success\" target=\"_self\">Ver Sentencia Completa...<\/a><\/div><\/div><\/div><\/div>\n<div class=\"col-md-12 col-sm-12 col-xs-12 pt-cv-content-item pt-cv-1-col\" ><div class='pt-cv-ifield'><a href=\"https:\/\/www.dmsjuridica.com\/buscador_20179478954\/corteconstitucionalcronologico202454587\/c-036-23\/\" class=\"_self pt-cv-href-thumbnail pt-cv-thumb-default\" target=\"_self\" ><\/a>\n<div class=\"pt-cv-taxoterm above_title\"><a href='https:\/\/www.dmsjuridica.com\/buscador_20179478954\/corteconstitucionalcronologico202454587\/category\/buscar-en-toda-la-corte\/2023\/sentencias-2023\/' title='Sentencias 2023' class='pt-cv-tax-sentencias-2023'>Sentencias 2023<\/a><\/div>\n<h4 class=\"pt-cv-title\"><a href=\"https:\/\/www.dmsjuridica.com\/buscador_20179478954\/corteconstitucionalcronologico202454587\/c-036-23\/\" class=\"_self\" target=\"_self\" >C-036-23<\/a><\/h4>\n<div class=\"pt-cv-content\">\u00a0 \u00a0 \u00a0\u00a0 \u00a0\u00a0 \u00a0\u00a0 \u00a0\u00a0 Las disposiciones examinadas por la Corte facultan a las asambleas para que deleguen en cabeza de los gobernadores, de forma temporal, la competencia correspondiente a la modificaci\u00f3n del presupuesto departamental en los t\u00e9rminos descritos en la tabla 1 de esta sentencia. Tras la revisi\u00f3n de las reglas definidas en la Constituci\u00f3n Pol\u00edtica sobre el procedimiento de elaboraci\u00f3n y aprobaci\u00f3n presupuestal, y la distribuci\u00f3n de competencias en materia presupuestal entre el ejecutivo y las corporaciones p\u00fablicas de elecci\u00f3n popular, la Sala estableci\u00f3 la inconstitucionalidad de las facultades de delegaci\u00f3n de las competencias comprendidas en la ...<br \/><div class=\"pt-cv-rmwrap\"><a href=\"https:\/\/www.dmsjuridica.com\/buscador_20179478954\/corteconstitucionalcronologico202454587\/c-036-23\/\" class=\"_self pt-cv-readmore btn btn-success\" target=\"_self\">Ver Sentencia Completa...<\/a><\/div><\/div><\/div><\/div>\n<div class=\"col-md-12 col-sm-12 col-xs-12 pt-cv-content-item pt-cv-1-col\" ><div class='pt-cv-ifield'><a href=\"https:\/\/www.dmsjuridica.com\/buscador_20179478954\/corteconstitucionalcronologico202454587\/c-035-23\/\" class=\"_self pt-cv-href-thumbnail pt-cv-thumb-default\" target=\"_self\" ><\/a>\n<div class=\"pt-cv-taxoterm above_title\"><a href='https:\/\/www.dmsjuridica.com\/buscador_20179478954\/corteconstitucionalcronologico202454587\/category\/buscar-en-toda-la-corte\/2023\/sentencias-2023\/' title='Sentencias 2023' class='pt-cv-tax-sentencias-2023'>Sentencias 2023<\/a><\/div>\n<h4 class=\"pt-cv-title\"><a href=\"https:\/\/www.dmsjuridica.com\/buscador_20179478954\/corteconstitucionalcronologico202454587\/c-035-23\/\" class=\"_self\" target=\"_self\" >C-035-23<\/a><\/h4>\n<div class=\"pt-cv-content\">Expediente D-14.682 M.P. Jorge Enrique Ib\u00e1\u00f1ez Najar REP\u00daBLICA DE COLOMBIA CORTE CONSTITUCIONAL Sala Plena SENTENCIA C-035 DE 2023 Expediente: D-14.682 Acci\u00f3n p\u00fablica de inconstitucionalidad en contra del numeral 5\u00b0 del art\u00edculo 147 de la Ley 65 de 1993, \u201cpor la cual se expide el C\u00f3digo Penitenciario y Carcelario\u201d Bogot\u00e1, D.C., veintitr\u00e9s (23) de febrero de dos mil veintitr\u00e9s (2023) La Sala Plena de la Corte Constitucional, en ejercicio de sus competencias constitucionales y legales, en especial de las previstas por los art\u00edculos 241 y 242 de la Constituci\u00f3n Pol\u00edtica y en el Decreto Ley 2067 de 1991, ha proferido la ...<br \/><div class=\"pt-cv-rmwrap\"><a href=\"https:\/\/www.dmsjuridica.com\/buscador_20179478954\/corteconstitucionalcronologico202454587\/c-035-23\/\" class=\"_self pt-cv-readmore btn btn-success\" target=\"_self\">Ver Sentencia Completa...<\/a><\/div><\/div><\/div><\/div>\n<div class=\"col-md-12 col-sm-12 col-xs-12 pt-cv-content-item pt-cv-1-col\" ><div class='pt-cv-ifield'><a href=\"https:\/\/www.dmsjuridica.com\/buscador_20179478954\/corteconstitucionalcronologico202454587\/c-031-23\/\" class=\"_self pt-cv-href-thumbnail pt-cv-thumb-default\" target=\"_self\" ><\/a>\n<div class=\"pt-cv-taxoterm above_title\"><a href='https:\/\/www.dmsjuridica.com\/buscador_20179478954\/corteconstitucionalcronologico202454587\/category\/buscar-en-toda-la-corte\/2023\/sentencias-2023\/' title='Sentencias 2023' class='pt-cv-tax-sentencias-2023'>Sentencias 2023<\/a><\/div>\n<h4 class=\"pt-cv-title\"><a href=\"https:\/\/www.dmsjuridica.com\/buscador_20179478954\/corteconstitucionalcronologico202454587\/c-031-23\/\" class=\"_self\" target=\"_self\" >C-031-23<\/a><\/h4>\n<div class=\"pt-cv-content\">\u00a0 \u00a0 FUNCI\u00d3N CONSULTIVA DEL CONSEJO DE ESTADO-Agencia Nacional de Defensa Jur\u00eddica del Estado est\u00e1 facultada para solicitar conceptos a la Sala de Consulta y Servicio Civil \u00a0 \u00a0\u00a0 \u00a0\u00a0 CONSEJO DE ESTADO-Funci\u00f3n consultiva\/SALA DE CONSULTA Y SERVICIO CIVIL-Funciones \u00a0 \u00a0\u00a0 (\u2026) la funci\u00f3n consultiva del Consejo de Estado no se agota en la prevista en el art\u00edculo 237.3 de la Constituci\u00f3n, pues la misma Constituci\u00f3n prev\u00e9 la posibilidad de que el legislador le asigne otras funciones, incluidas funciones de naturaleza consultiva, siempre que las que se le atribuyan a la SCSC se separen de las funciones jurisdiccionales, de conformidad ...<br \/><div class=\"pt-cv-rmwrap\"><a href=\"https:\/\/www.dmsjuridica.com\/buscador_20179478954\/corteconstitucionalcronologico202454587\/c-031-23\/\" class=\"_self pt-cv-readmore btn btn-success\" target=\"_self\">Ver Sentencia Completa...<\/a><\/div><\/div><\/div><\/div>\n<div class=\"col-md-12 col-sm-12 col-xs-12 pt-cv-content-item pt-cv-1-col\" ><div class='pt-cv-ifield'><a href=\"https:\/\/www.dmsjuridica.com\/buscador_20179478954\/corteconstitucionalcronologico202454587\/c-030-23\/\" class=\"_self pt-cv-href-thumbnail pt-cv-thumb-default\" target=\"_self\" ><\/a>\n<div class=\"pt-cv-taxoterm above_title\"><a href='https:\/\/www.dmsjuridica.com\/buscador_20179478954\/corteconstitucionalcronologico202454587\/category\/buscar-en-toda-la-corte\/2023\/sentencias-2023\/' title='Sentencias 2023' class='pt-cv-tax-sentencias-2023'>Sentencias 2023<\/a><\/div>\n<h4 class=\"pt-cv-title\"><a href=\"https:\/\/www.dmsjuridica.com\/buscador_20179478954\/corteconstitucionalcronologico202454587\/c-030-23\/\" class=\"_self\" target=\"_self\" >C-030-23<\/a><\/h4>\n<div class=\"pt-cv-content\">PROCURADUR\u00cdA GENERAL DE LA NACI\u00d3N-Atribuci\u00f3n de funciones jurisdiccionales para el ejercicio de la potestad disciplinaria incumple principio de excepcionalidad y definici\u00f3n precisa La Corte concluye que la asignaci\u00f3n de funciones jurisdiccionales a la PGN para el ejercicio de la potestad disciplinaria relacionada con servidores p\u00fablicos, entre ellos los de elecci\u00f3n popular, vulnera el inciso tercero del art\u00edculo 116 de la Constituci\u00f3n. En primer lugar, porque no implic\u00f3 el traslado de una competencia originariamente asignada a los jueces, sino la variaci\u00f3n en la naturaleza de una potestad de la que ya era titular dicho organismo de control. De otro lado, porque, ...<br \/><div class=\"pt-cv-rmwrap\"><a href=\"https:\/\/www.dmsjuridica.com\/buscador_20179478954\/corteconstitucionalcronologico202454587\/c-030-23\/\" class=\"_self pt-cv-readmore btn btn-success\" target=\"_self\">Ver Sentencia Completa...<\/a><\/div><\/div><\/div><\/div>\n<div class=\"col-md-12 col-sm-12 col-xs-12 pt-cv-content-item pt-cv-1-col\" ><div class='pt-cv-ifield'><a href=\"https:\/\/www.dmsjuridica.com\/buscador_20179478954\/corteconstitucionalcronologico202454587\/c-021-23\/\" class=\"_self pt-cv-href-thumbnail pt-cv-thumb-default\" target=\"_self\" ><\/a>\n<div class=\"pt-cv-taxoterm above_title\"><a href='https:\/\/www.dmsjuridica.com\/buscador_20179478954\/corteconstitucionalcronologico202454587\/category\/buscar-en-toda-la-corte\/2023\/sentencias-2023\/' title='Sentencias 2023' class='pt-cv-tax-sentencias-2023'>Sentencias 2023<\/a><\/div>\n<h4 class=\"pt-cv-title\"><a href=\"https:\/\/www.dmsjuridica.com\/buscador_20179478954\/corteconstitucionalcronologico202454587\/c-021-23\/\" class=\"_self\" target=\"_self\" >C-021-23<\/a><\/h4>\n<div class=\"pt-cv-content\">\u00a0 \u00a0 DELITOS CONTRA LOS RECURSOS NATURALES Y EL MEDIO AMBIENTE-Tipos penales abiertos son determinables \u00a0 \u00a0\u00a0 DELITOS DE INVASI\u00d3N Y FINANCIACI\u00d3N DE LA INVASI\u00d3N A \u00c1REAS DE ESPECIAL IMPORTANCIA ECOL\u00d3GICA-Protecci\u00f3n del medio ambiente \u00a0 \u00a0\u00a0 (\u2026) la Corte concluy\u00f3 que los tipos penales contenidos en los art\u00edculos 336 y 336A no son en s\u00ed mismos inconstitucionales, pues, id\u00f3neamente tienen por objeto proteger estructuras medio ambientales de la invasi\u00f3n, de la permanencia as\u00ed sea de manera temporal y del uso indebido de los recursos naturales en \u00e1reas de reserva forestal, ecosistemas de importancia ecol\u00f3gica, playas, terrenos de bajamar, resguardos o ...<br \/><div class=\"pt-cv-rmwrap\"><a href=\"https:\/\/www.dmsjuridica.com\/buscador_20179478954\/corteconstitucionalcronologico202454587\/c-021-23\/\" class=\"_self pt-cv-readmore btn btn-success\" target=\"_self\">Ver Sentencia Completa...<\/a><\/div><\/div><\/div><\/div>\n<div class=\"col-md-12 col-sm-12 col-xs-12 pt-cv-content-item pt-cv-1-col\" ><div class='pt-cv-ifield'><a href=\"https:\/\/www.dmsjuridica.com\/buscador_20179478954\/corteconstitucionalcronologico202454587\/c-020-23\/\" class=\"_self pt-cv-href-thumbnail pt-cv-thumb-default\" target=\"_self\" ><\/a>\n<div class=\"pt-cv-taxoterm above_title\"><a href='https:\/\/www.dmsjuridica.com\/buscador_20179478954\/corteconstitucionalcronologico202454587\/category\/buscar-en-toda-la-corte\/2023\/sentencias-2023\/' title='Sentencias 2023' class='pt-cv-tax-sentencias-2023'>Sentencias 2023<\/a><\/div>\n<h4 class=\"pt-cv-title\"><a href=\"https:\/\/www.dmsjuridica.com\/buscador_20179478954\/corteconstitucionalcronologico202454587\/c-020-23\/\" class=\"_self\" target=\"_self\" >C-020-23<\/a><\/h4>\n<div class=\"pt-cv-content\">Expediente D-14783 M.P. Paola Andrea Meneses Mosquera INDEMNIZACI\u00d3N POR EXPROPIACI\u00d3N ADMINISTRATIVA DE PREDIOS PRIVADOS EN LOS QUE EXISTEN ASENTAMIENTOS HUMANOS ILEGALES CONSOLIDADOS-Fijaci\u00f3n del valor El 10% del valor del aval\u00fao comercial constituye el valor de la oferta de compra, no de la indemnizaci\u00f3n por expropiaci\u00f3n propiamente dicha. La Sala reitera y reafirma la regla de decisi\u00f3n desarrollada en la sentencia C-476 de 2007, conforme a la cual el legislador est\u00e1 facultado para fijar criterios generales (vgr. el valor del aval\u00fao comercial) y tarifas porcentuales que la entidad expropiante debe emplear para fijar el precio indemnizatorio que, en los t\u00e9rminos de ...<br \/><div class=\"pt-cv-rmwrap\"><a href=\"https:\/\/www.dmsjuridica.com\/buscador_20179478954\/corteconstitucionalcronologico202454587\/c-020-23\/\" class=\"_self pt-cv-readmore btn btn-success\" target=\"_self\">Ver Sentencia Completa...<\/a><\/div><\/div><\/div><\/div>\n<div class=\"col-md-12 col-sm-12 col-xs-12 pt-cv-content-item pt-cv-1-col\" ><div class='pt-cv-ifield'><a href=\"https:\/\/www.dmsjuridica.com\/buscador_20179478954\/corteconstitucionalcronologico202454587\/c-015-23\/\" class=\"_self pt-cv-href-thumbnail pt-cv-thumb-default\" target=\"_self\" ><\/a>\n<div class=\"pt-cv-taxoterm above_title\"><a href='https:\/\/www.dmsjuridica.com\/buscador_20179478954\/corteconstitucionalcronologico202454587\/category\/buscar-en-toda-la-corte\/2023\/sentencias-2023\/' title='Sentencias 2023' class='pt-cv-tax-sentencias-2023'>Sentencias 2023<\/a><\/div>\n<h4 class=\"pt-cv-title\"><a href=\"https:\/\/www.dmsjuridica.com\/buscador_20179478954\/corteconstitucionalcronologico202454587\/c-015-23\/\" class=\"_self\" target=\"_self\" >C-015-23<\/a><\/h4>\n<div class=\"pt-cv-content\">REGI\u00d3N METROPOLITANA BOGOT\u00c1 CUNDINAMARCA-Finalidad La Corte llama la atenci\u00f3n sobre la oraci\u00f3n final del primer inciso del art\u00edculo 325 de la Cara Pol\u00edtica por medio del cual se condiciona la asociaci\u00f3n a la RMBC a que las entidades territoriales compartan, entre otras, \u201cdin\u00e1micas territoriales\u201d. Dicho condicionamiento evidencia con mayor claridad que a trav\u00e9s de dicha disposici\u00f3n constitucional se quiso habilitar a la RMBC para atender necesidades en materia territorial que compartieran las entidades territoriales de la regi\u00f3n. De lo contrario, se desconocer\u00eda un criterio hermen\u00e9utico de especial importancia: el principio del efecto \u00fatil de las normas constitucionales. En atenci\u00f3n a ...<br \/><div class=\"pt-cv-rmwrap\"><a href=\"https:\/\/www.dmsjuridica.com\/buscador_20179478954\/corteconstitucionalcronologico202454587\/c-015-23\/\" class=\"_self pt-cv-readmore btn btn-success\" target=\"_self\">Ver Sentencia Completa...<\/a><\/div><\/div><\/div><\/div>\n<div class=\"col-md-12 col-sm-12 col-xs-12 pt-cv-content-item pt-cv-1-col\" ><div class='pt-cv-ifield'><a href=\"https:\/\/www.dmsjuridica.com\/buscador_20179478954\/corteconstitucionalcronologico202454587\/c-014-23\/\" class=\"_self pt-cv-href-thumbnail pt-cv-thumb-default\" target=\"_self\" ><\/a>\n<div class=\"pt-cv-taxoterm above_title\"><a href='https:\/\/www.dmsjuridica.com\/buscador_20179478954\/corteconstitucionalcronologico202454587\/category\/buscar-en-toda-la-corte\/2023\/sentencias-2023\/' title='Sentencias 2023' class='pt-cv-tax-sentencias-2023'>Sentencias 2023<\/a><\/div>\n<h4 class=\"pt-cv-title\"><a href=\"https:\/\/www.dmsjuridica.com\/buscador_20179478954\/corteconstitucionalcronologico202454587\/c-014-23\/\" class=\"_self\" target=\"_self\" >C-014-23<\/a><\/h4>\n<div class=\"pt-cv-content\">\u00a0 \u00a0 REP\u00daBLICA DE COLOMBIA \u00a0 \u00a0 CORTE CONSTITUCIONAL \u00a0 Sala Plena \u00a0 \u00a0\u00a0 \u00a0\u00a0 SENTENCIA C-014 DE 2023 \u00a0 \u00a0\u00a0 Referencia: expedientes D-14677, D-14680, D-14690, D-14691 y D-14708, acumulados. \u00a0 \u00a0\u00a0 Demanda de inconstitucionalidad en contra de los art\u00edculos 4, 5, 7 (parcial), 11, 13, 16.1, 20, 21.8, 25 y 30 de la Ley 2197 de 2022, \u201cPor medio de la cual se dictan normas tendientes al fortalecimiento de la seguridad ciudadana y se dictan otras disposiciones\u201d. \u00a0 \u00a0\u00a0 Demandantes: Juan Manuel L\u00f3pez Molina y otros. \u00a0 \u00a0\u00a0 Magistrada Ponente: \u00a0 PAOLA ANDREA MENESES MOSQUERA \u00a0 \u00a0\u00a0 Bogot\u00e1, D.C., ...<br \/><div class=\"pt-cv-rmwrap\"><a href=\"https:\/\/www.dmsjuridica.com\/buscador_20179478954\/corteconstitucionalcronologico202454587\/c-014-23\/\" class=\"_self pt-cv-readmore btn btn-success\" target=\"_self\">Ver Sentencia Completa...<\/a><\/div><\/div><\/div><\/div>\n<div class=\"col-md-12 col-sm-12 col-xs-12 pt-cv-content-item pt-cv-1-col\" ><div class='pt-cv-ifield'><a href=\"https:\/\/www.dmsjuridica.com\/buscador_20179478954\/corteconstitucionalcronologico202454587\/c-013-23\/\" class=\"_self pt-cv-href-thumbnail pt-cv-thumb-default\" target=\"_self\" ><\/a>\n<div class=\"pt-cv-taxoterm above_title\"><a href='https:\/\/www.dmsjuridica.com\/buscador_20179478954\/corteconstitucionalcronologico202454587\/category\/buscar-en-toda-la-corte\/2023\/sentencias-2023\/' title='Sentencias 2023' class='pt-cv-tax-sentencias-2023'>Sentencias 2023<\/a><\/div>\n<h4 class=\"pt-cv-title\"><a href=\"https:\/\/www.dmsjuridica.com\/buscador_20179478954\/corteconstitucionalcronologico202454587\/c-013-23\/\" class=\"_self\" target=\"_self\" >C-013-23<\/a><\/h4>\n<div class=\"pt-cv-content\">\u00a0 \u00a0 DEMANDA DE INCONSTITUCIONALIDAD CONTRA LA LEY 2111 DE 2021-Estarse a lo resuelto en la sentencia C-411 de 2022 \u00a0 \u00a0 \u00a0 La Sala Plena dando aplicaci\u00f3n a la l\u00ednea jurisprudencial reiterada en materia de cosa juzgada, observ\u00f3 que el art\u00edculo demandado en esta oportunidad ya hab\u00eda sido analizado por la Corte en la sentencia C-411 de 2022, en la que se declar\u00f3 su inexequibilidad. Por lo cual, no cabe duda alguna de que oper\u00f3 en este caso el fen\u00f3meno de la cosa juzgada constitucional absoluta (CP art. 243). En consecuencia, la Sala Plena decidir\u00e1 estarse a lo resuelto ...<br \/><div class=\"pt-cv-rmwrap\"><a href=\"https:\/\/www.dmsjuridica.com\/buscador_20179478954\/corteconstitucionalcronologico202454587\/c-013-23\/\" class=\"_self pt-cv-readmore btn btn-success\" target=\"_self\">Ver Sentencia Completa...<\/a><\/div><\/div><\/div><\/div>\n<div class=\"col-md-12 col-sm-12 col-xs-12 pt-cv-content-item pt-cv-1-col\" ><div class='pt-cv-ifield'><a href=\"https:\/\/www.dmsjuridica.com\/buscador_20179478954\/corteconstitucionalcronologico202454587\/c-009-23\/\" class=\"_self pt-cv-href-thumbnail pt-cv-thumb-default\" target=\"_self\" ><\/a>\n<div class=\"pt-cv-taxoterm above_title\"><a href='https:\/\/www.dmsjuridica.com\/buscador_20179478954\/corteconstitucionalcronologico202454587\/category\/buscar-en-toda-la-corte\/2023\/sentencias-2023\/' title='Sentencias 2023' class='pt-cv-tax-sentencias-2023'>Sentencias 2023<\/a><\/div>\n<h4 class=\"pt-cv-title\"><a href=\"https:\/\/www.dmsjuridica.com\/buscador_20179478954\/corteconstitucionalcronologico202454587\/c-009-23\/\" class=\"_self\" target=\"_self\" >C-009-23<\/a><\/h4>\n<div class=\"pt-cv-content\">\u00a0 \u00a0 DEMANDA DE INCONSTITUCIONALIDAD CONTRA LA LEY 1123 DE 2007-Estarse a lo resuelto en la sentencia C-290 de 2008 \u00a0 \u00a0\u00a0 La Corte concluye que se configura este requisito \u00fanicamente respecto del art\u00edculo 40 de la Ley 1123 de 2007. En efecto, la Sentencia C-290 de 2008 se pronunci\u00f3 sobre la disposici\u00f3n antes referida y declar\u00f3 su exequibilidad. En consonancia con lo expuesto, la Sentencia C-379 de 2008 se estuvo a lo resuelto en el fallo anterior. \u00a0 \u00a0\u00a0 COSA JUZGADA CONSTITUCIONAL-Configuraci\u00f3n \u00a0 \u00a0\u00a0 COSA JUZGADA CONSTITUCIONAL-Criterios para determinar su existencia \u00a0 \u00a0 \u00a0 COSA JUZGADA-Efectos respecto de decisiones ...<br \/><div class=\"pt-cv-rmwrap\"><a href=\"https:\/\/www.dmsjuridica.com\/buscador_20179478954\/corteconstitucionalcronologico202454587\/c-009-23\/\" class=\"_self pt-cv-readmore btn btn-success\" target=\"_self\">Ver Sentencia Completa...<\/a><\/div><\/div><\/div><\/div>\n<div class=\"col-md-12 col-sm-12 col-xs-12 pt-cv-content-item pt-cv-1-col\" ><div class='pt-cv-ifield'><a href=\"https:\/\/www.dmsjuridica.com\/buscador_20179478954\/corteconstitucionalcronologico202454587\/c-008-23\/\" class=\"_self pt-cv-href-thumbnail pt-cv-thumb-default\" target=\"_self\" ><\/a>\n<div class=\"pt-cv-taxoterm above_title\"><a href='https:\/\/www.dmsjuridica.com\/buscador_20179478954\/corteconstitucionalcronologico202454587\/category\/buscar-en-toda-la-corte\/2023\/sentencias-2023\/' title='Sentencias 2023' class='pt-cv-tax-sentencias-2023'>Sentencias 2023<\/a><\/div>\n<h4 class=\"pt-cv-title\"><a href=\"https:\/\/www.dmsjuridica.com\/buscador_20179478954\/corteconstitucionalcronologico202454587\/c-008-23\/\" class=\"_self\" target=\"_self\" >C-008-23<\/a><\/h4>\n<div class=\"pt-cv-content\">\u00a0 \u00a0 RESTRICCI\u00d3N A PERSONAS NATURALES PARA PRESTAR SERVICIOS DE ASESOR\u00cdA, CONSULTOR\u00cdA, INVESTIGACI\u00d3N EN PROCESO DE CERTIFICACI\u00d3N DE SEGURIDAD-Actividades en las que se justifica su aplicaci\u00f3n \u00a0 (\u2026) la Sala constato\u0301 que las disposiciones acusadas son razonables y proporcionadas solo si se entienden circunscritas exclusivamente a la prestaci\u00f3n del servicio de asesor\u00eda, consultor\u00eda e investigaci\u00f3n para los procesos de certificaci\u00f3n en seguridad referentes a la gesti\u00f3n de riesgo de actividades propias de la cadena log\u00edstica de comercio exterior y la prevenci\u00f3n de los delitos transnacionales. La Sala concluyo\u0301 que las normas se refieren a una actividad que constituye un riesgo ...<br \/><div class=\"pt-cv-rmwrap\"><a href=\"https:\/\/www.dmsjuridica.com\/buscador_20179478954\/corteconstitucionalcronologico202454587\/c-008-23\/\" class=\"_self pt-cv-readmore btn btn-success\" target=\"_self\">Ver Sentencia Completa...<\/a><\/div><\/div><\/div><\/div><\/div><\/div><\/div>\n","protected":false},"excerpt":{"rendered":"","protected":false},"author":1,"featured_media":0,"parent":0,"menu_order":0,"comment_status":"closed","ping_status":"closed","template":"","meta":{"footnotes":""},"class_list":["post-29431","page","type-page","status-publish","hentry"],"_links":{"self":[{"href":"https:\/\/www.dmsjuridica.com\/buscador_20179478954\/corteconstitucionalcronologico202454587\/wp-json\/wp\/v2\/pages\/29431","targetHints":{"allow":["GET"]}}],"collection":[{"href":"https:\/\/www.dmsjuridica.com\/buscador_20179478954\/corteconstitucionalcronologico202454587\/wp-json\/wp\/v2\/pages"}],"about":[{"href":"https:\/\/www.dmsjuridica.com\/buscador_20179478954\/corteconstitucionalcronologico202454587\/wp-json\/wp\/v2\/types\/page"}],"author":[{"embeddable":true,"href":"https:\/\/www.dmsjuridica.com\/buscador_20179478954\/corteconstitucionalcronologico202454587\/wp-json\/wp\/v2\/users\/1"}],"replies":[{"embeddable":true,"href":"https:\/\/www.dmsjuridica.com\/buscador_20179478954\/corteconstitucionalcronologico202454587\/wp-json\/wp\/v2\/comments?post=29431"}],"version-history":[{"count":1,"href":"https:\/\/www.dmsjuridica.com\/buscador_20179478954\/corteconstitucionalcronologico202454587\/wp-json\/wp\/v2\/pages\/29431\/revisions"}],"predecessor-version":[{"id":29530,"href":"https:\/\/www.dmsjuridica.com\/buscador_20179478954\/corteconstitucionalcronologico202454587\/wp-json\/wp\/v2\/pages\/29431\/revisions\/29530"}],"wp:attachment":[{"href":"https:\/\/www.dmsjuridica.com\/buscador_20179478954\/corteconstitucionalcronologico202454587\/wp-json\/wp\/v2\/media?parent=29431"}],"curies":[{"name":"wp","href":"https:\/\/api.w.org\/{rel}","templated":true}]}}