{"id":29500,"date":"2024-07-10T12:31:35","date_gmt":"2024-07-10T17:31:35","guid":{"rendered":"https:\/\/www.dmsjuridica.com\/buscador_20179478954\/corteconstitucionalcronologico202454587\/?page_id=29500"},"modified":"2024-07-10T12:31:35","modified_gmt":"2024-07-10T17:31:35","slug":"sentencias-2009","status":"publish","type":"page","link":"https:\/\/www.dmsjuridica.com\/buscador_20179478954\/corteconstitucionalcronologico202454587\/sentencias-2009\/","title":{"rendered":"Sentencias 2009"},"content":{"rendered":"<div class=\"pt-cv-wrapper\"><div class=\"pt-cv-view pt-cv-grid pt-cv-colsys\" id=\"pt-cv-view-ee82e1479i\"><div data-id=\"pt-cv-page-1\" class=\"pt-cv-page\" data-cvc=\"1\"><div class=\"col-md-12 col-sm-12 col-xs-12 pt-cv-content-item pt-cv-1-col\" ><div class='pt-cv-ifield'><a href=\"https:\/\/www.dmsjuridica.com\/buscador_20179478954\/corteconstitucionalcronologico202454587\/c-933-09\/\" class=\"_self pt-cv-href-thumbnail pt-cv-thumb-default\" target=\"_self\" ><\/a>\n<div class=\"pt-cv-taxoterm above_title\"><a href='https:\/\/www.dmsjuridica.com\/buscador_20179478954\/corteconstitucionalcronologico202454587\/category\/buscar-en-toda-la-corte\/2009\/sentencias-2009\/' title='Sentencias 2009' class='pt-cv-tax-sentencias-2009'>Sentencias 2009<\/a><\/div>\n<h4 class=\"pt-cv-title\"><a href=\"https:\/\/www.dmsjuridica.com\/buscador_20179478954\/corteconstitucionalcronologico202454587\/c-933-09\/\" class=\"_self\" target=\"_self\" >C-933-09<\/a><\/h4>\n<div class=\"pt-cv-content\">\u00a0 \u00a0 Sentencia C-933\/09 \u00a0 (Diciembre 11;\u00a0 Bogot\u00e1 DC) \u00a0 INHIBICION \u00a0 \u00a0 \u00a0DE \u00a0 \u00a0 \u00a0LA \u00a0 \u00a0 \u00a0CORTE \u00a0CONSTITUCIONAL-Ineptitud \u00a0 \u00a0 sustantiva \u00a0 \u00a0de \u00a0 \u00a0la \u00a0demanda\/INHIBICION \u00a0 \u00a0 \u00a0 DE \u00a0 \u00a0 \u00a0 LA \u00a0 \u00a0 \u00a0 CORTE \u00a0CONSTITUCIONAL-Incumplimiento \u00a0 de \u00a0 requisitos \u00a0 de \u00a0certeza, especificidad y pertinencia \u00a0\u00a0 Referencia: Expediente D-7776. \u00a0 Demanda \u00a0de \u00a0inconstitucionalidad:\u00a0 \u00a0del \u00a0art\u00edculo 1\u00b0\u00a0 de la ley 1296 de 2009. \u00a0\u00a0 Demandante: \u00a0Jes\u00fas \u00a0Antonio Ochoa Gonz\u00e1lez. \u00a0\u00a0 I. ANTECEDENTES. \u00a0 1. Texto normativo demandado. \u00a0 El \u00a0ciudadano Jes\u00fas \u00a0Antonio \u00a0 \u00a0 Ochoa \u00a0 \u00a0 Gonz\u00e1lez \u00a0 \u00a0 demand\u00f3 \u00a0 \u00a0 la ...<br \/><div class=\"pt-cv-rmwrap\"><a href=\"https:\/\/www.dmsjuridica.com\/buscador_20179478954\/corteconstitucionalcronologico202454587\/c-933-09\/\" class=\"_self pt-cv-readmore btn btn-success\" target=\"_self\">Ver Sentencia Completa...<\/a><\/div><\/div><\/div><\/div>\n<div class=\"col-md-12 col-sm-12 col-xs-12 pt-cv-content-item pt-cv-1-col\" ><div class='pt-cv-ifield'><a href=\"https:\/\/www.dmsjuridica.com\/buscador_20179478954\/corteconstitucionalcronologico202454587\/c-932-09\/\" class=\"_self pt-cv-href-thumbnail pt-cv-thumb-default\" target=\"_self\" ><\/a>\n<div class=\"pt-cv-taxoterm above_title\"><a href='https:\/\/www.dmsjuridica.com\/buscador_20179478954\/corteconstitucionalcronologico202454587\/category\/buscar-en-toda-la-corte\/2009\/sentencias-2009\/' title='Sentencias 2009' class='pt-cv-tax-sentencias-2009'>Sentencias 2009<\/a><\/div>\n<h4 class=\"pt-cv-title\"><a href=\"https:\/\/www.dmsjuridica.com\/buscador_20179478954\/corteconstitucionalcronologico202454587\/c-932-09\/\" class=\"_self\" target=\"_self\" >C-932-09<\/a><\/h4>\n<div class=\"pt-cv-content\">\u00a0 \u00a0 Sentencia C-932\/09 \u00a0 OBJECIONES \u00a0PRESIDENCIALES AL PROYECTO DE LEY \u00a0POR \u00a0 LA \u00a0 CUAL \u00a0 SE \u00a0AMPLIA \u00a0LA \u00a0VIGENCIA \u00a0DE \u00a0LA \u00a0LEY \u00a0QUIMBAYA \u00a0(LEY \u00a0608 \u00a0DE \u00a02000)-fundadas \u00a0\u00a0 La Corte encontr\u00f3 que el Proyecto de Ley No. \u00a0330 \u00a0de \u00a02008 \u00a0Senado, 30 de 2007 C\u00e1mara, \u201cpor medio de la cual se ampl\u00eda la \u00a0vigencia \u00a0de \u00a0la \u00a0Ley Quimbaya (Ley 608 de 2000)\u201d,\u00a0 fue presentado por un \u00a0grupo \u00a0de \u00a0congresistas \u00a0y mediante \u00e9l, se introduc\u00edan modificaciones a la Ley \u00a0608 \u00a0de \u00a02000, \u00a0entre \u00a0otros, \u00a0en \u00a0relaci\u00f3n \u00a0con \u00a0los siguientes elementos: (1) \u00a0\u00e1mbito \u00a0territorial de aplicaci\u00f3n, (2) duraci\u00f3n de la ...<br \/><div class=\"pt-cv-rmwrap\"><a href=\"https:\/\/www.dmsjuridica.com\/buscador_20179478954\/corteconstitucionalcronologico202454587\/c-932-09\/\" class=\"_self pt-cv-readmore btn btn-success\" target=\"_self\">Ver Sentencia Completa...<\/a><\/div><\/div><\/div><\/div>\n<div class=\"col-md-12 col-sm-12 col-xs-12 pt-cv-content-item pt-cv-1-col\" ><div class='pt-cv-ifield'><a href=\"https:\/\/www.dmsjuridica.com\/buscador_20179478954\/corteconstitucionalcronologico202454587\/c-931-09\/\" class=\"_self pt-cv-href-thumbnail pt-cv-thumb-default\" target=\"_self\" ><\/a>\n<div class=\"pt-cv-taxoterm above_title\"><a href='https:\/\/www.dmsjuridica.com\/buscador_20179478954\/corteconstitucionalcronologico202454587\/category\/buscar-en-toda-la-corte\/2009\/sentencias-2009\/' title='Sentencias 2009' class='pt-cv-tax-sentencias-2009'>Sentencias 2009<\/a><\/div>\n<h4 class=\"pt-cv-title\"><a href=\"https:\/\/www.dmsjuridica.com\/buscador_20179478954\/corteconstitucionalcronologico202454587\/c-931-09\/\" class=\"_self\" target=\"_self\" >C-931-09<\/a><\/h4>\n<div class=\"pt-cv-content\">\u00a0 \u00a0 Sentencia C-931\/09 \u00a0 INHIBICION \u00a0 \u00a0 \u00a0DE \u00a0 \u00a0 \u00a0LA \u00a0 \u00a0 \u00a0CORTE \u00a0CONSTITUCIONAL-Procedencia \u00a0frente \u00a0a \u00a0norma que no se \u00a0encuentra \u00a0 vigente \u00a0 ni \u00a0 est\u00e1 \u00a0 produciendo \u00a0efectos \u00a0jur\u00eddicos\/DEMANDA \u00a0 \u00a0 \u00a0 \u00a0 \u00a0 \u00a0 DE \u00a0 \u00a0 \u00a0 \u00a0 \u00a0 \u00a0 INCONSTITUCIONALIDAD-Incompetencia \u00a0 de \u00a0la \u00a0Corte \u00a0Constitucional \u00a0por \u00a0sustracci\u00f3n \u00a0de \u00a0materia o carencia de objeto \u00a0\u00a0 Si \u00a0bien la Corte Constitucional en ejercicio \u00a0de \u00a0la \u00a0funci\u00f3n de guardiana de la integridad y supremac\u00eda de la Constituci\u00f3n \u00a0puede \u00a0emitir \u00a0pronunciamientos \u00a0de \u00a0fondo \u00a0sobre \u00a0normas legales vigentes o que \u00a0est\u00e1n \u00a0produciendo \u00a0efectos \u00a0jur\u00eddicos, \u00a0resulta \u00a0incompetente para conocer ...<br \/><div class=\"pt-cv-rmwrap\"><a href=\"https:\/\/www.dmsjuridica.com\/buscador_20179478954\/corteconstitucionalcronologico202454587\/c-931-09\/\" class=\"_self pt-cv-readmore btn btn-success\" target=\"_self\">Ver Sentencia Completa...<\/a><\/div><\/div><\/div><\/div>\n<div class=\"col-md-12 col-sm-12 col-xs-12 pt-cv-content-item pt-cv-1-col\" ><div class='pt-cv-ifield'><a href=\"https:\/\/www.dmsjuridica.com\/buscador_20179478954\/corteconstitucionalcronologico202454587\/c-930-09\/\" class=\"_self pt-cv-href-thumbnail pt-cv-thumb-default\" target=\"_self\" ><\/a>\n<div class=\"pt-cv-taxoterm above_title\"><a href='https:\/\/www.dmsjuridica.com\/buscador_20179478954\/corteconstitucionalcronologico202454587\/category\/buscar-en-toda-la-corte\/2009\/sentencias-2009\/' title='Sentencias 2009' class='pt-cv-tax-sentencias-2009'>Sentencias 2009<\/a><\/div>\n<h4 class=\"pt-cv-title\"><a href=\"https:\/\/www.dmsjuridica.com\/buscador_20179478954\/corteconstitucionalcronologico202454587\/c-930-09\/\" class=\"_self\" target=\"_self\" >C-930-09<\/a><\/h4>\n<div class=\"pt-cv-content\">\u00a0 \u00a0 Sentencia C-930\/09 \u00a0 INHIBICION \u00a0 \u00a0 \u00a0DE \u00a0 \u00a0 \u00a0LA \u00a0 \u00a0 \u00a0CORTE \u00a0CONSTITUCIONAL-Improcedencia frente a norma que regula \u00a0supuestos de hecho que se mantienen a\u00fan vigentes \u00a0\u00a0 Si \u00a0bien \u00a0el numeral 6\u00ba del art\u00edculo 57 del \u00a0C\u00f3digo \u00a0Sustantivo \u00a0del \u00a0Trabajo \u00a0regula, dentro de las obligaciones especiales \u00a0del \u00a0empleador, \u00a0los \u00a0eventos \u00a0en \u00a0que debe conceder licencias al trabajador, la \u00a0Corte \u00a0encuentra \u00a0que \u00a0algunos \u00a0de \u00a0los \u00a0supuestos \u00a0de \u00a0hecho han sido objeto de \u00a0reglamentaci\u00f3n \u00a0 especial, \u00a0mediante \u00a0leyes \u00a0posteriores, \u00a0disponiendo \u00a0efectos \u00a0jur\u00eddicos \u00a0distintos. \u00a0As\u00ed \u00a0por \u00a0ejemplo \u00a0mediante Ley 1280 de 2009, \u201cpor la \u00a0cual \u00a0 se \u00a0 adiciona \u00a0 ...<br \/><div class=\"pt-cv-rmwrap\"><a href=\"https:\/\/www.dmsjuridica.com\/buscador_20179478954\/corteconstitucionalcronologico202454587\/c-930-09\/\" class=\"_self pt-cv-readmore btn btn-success\" target=\"_self\">Ver Sentencia Completa...<\/a><\/div><\/div><\/div><\/div>\n<div class=\"col-md-12 col-sm-12 col-xs-12 pt-cv-content-item pt-cv-1-col\" ><div class='pt-cv-ifield'><a href=\"https:\/\/www.dmsjuridica.com\/buscador_20179478954\/corteconstitucionalcronologico202454587\/c-929-09\/\" class=\"_self pt-cv-href-thumbnail pt-cv-thumb-default\" target=\"_self\" ><\/a>\n<div class=\"pt-cv-taxoterm above_title\"><a href='https:\/\/www.dmsjuridica.com\/buscador_20179478954\/corteconstitucionalcronologico202454587\/category\/buscar-en-toda-la-corte\/2009\/sentencias-2009\/' title='Sentencias 2009' class='pt-cv-tax-sentencias-2009'>Sentencias 2009<\/a><\/div>\n<h4 class=\"pt-cv-title\"><a href=\"https:\/\/www.dmsjuridica.com\/buscador_20179478954\/corteconstitucionalcronologico202454587\/c-929-09\/\" class=\"_self\" target=\"_self\" >C-929-09<\/a><\/h4>\n<div class=\"pt-cv-content\">\u00a0 \u00a0 Sentencia C-929\/09 \u00a0 INHIBICION \u00a0 \u00a0 \u00a0DE \u00a0 \u00a0 \u00a0LA \u00a0 \u00a0 \u00a0CORTE \u00a0CONSTITUCIONAL-Ineptitud \u00a0sustantiva de la demanda por \u00a0falta \u00a0de \u00a0certeza, \u00a0especificidad, \u00a0pertinencia y suficiencia en las razones de \u00a0inconstitucionalidad \u00a0\u00a0 ACCION \u00a0 \u00a0 \u00a0 \u00a0PUBLICA \u00a0 \u00a0 \u00a0 \u00a0DE \u00a0INCONSTITUCIONALIDAD-Requisitos \u00a0 \u00a0 \u00a0 \u00a0 \u00a0 de \u00a0procedibilidad \u00a0\u00a0 TASAS \u00a0DE \u00a0INTERES \u00a0MORATORIO \u00a0PARA \u00a0EFECTOS \u00a0TRIBUTARIOS-Equivalente \u00a0 a \u00a0 la \u00a0 tasa \u00a0efectiva \u00a0de \u00a0usura \u00a0\u00a0 Referencia: expediente D-7765 \u00a0 Demanda \u00a0de \u00a0inconstitucionalidad \u00a0contra \u00a0el \u00a0inciso \u00a0 1\u00ba \u00a0 del \u00a0 art\u00edculo \u00a012 \u00a0de \u00a0la \u00a0Ley \u00a01066 \u00a0de \u00a02006 \u00a0\u201cPor \u00a0la \u00a0cual \u00a0se dictan normas para la ...<br \/><div class=\"pt-cv-rmwrap\"><a href=\"https:\/\/www.dmsjuridica.com\/buscador_20179478954\/corteconstitucionalcronologico202454587\/c-929-09\/\" class=\"_self pt-cv-readmore btn btn-success\" target=\"_self\">Ver Sentencia Completa...<\/a><\/div><\/div><\/div><\/div>\n<div class=\"col-md-12 col-sm-12 col-xs-12 pt-cv-content-item pt-cv-1-col\" ><div class='pt-cv-ifield'><a href=\"https:\/\/www.dmsjuridica.com\/buscador_20179478954\/corteconstitucionalcronologico202454587\/c-928-09\/\" class=\"_self pt-cv-href-thumbnail pt-cv-thumb-default\" target=\"_self\" ><\/a>\n<div class=\"pt-cv-taxoterm above_title\"><a href='https:\/\/www.dmsjuridica.com\/buscador_20179478954\/corteconstitucionalcronologico202454587\/category\/buscar-en-toda-la-corte\/2009\/sentencias-2009\/' title='Sentencias 2009' class='pt-cv-tax-sentencias-2009'>Sentencias 2009<\/a><\/div>\n<h4 class=\"pt-cv-title\"><a href=\"https:\/\/www.dmsjuridica.com\/buscador_20179478954\/corteconstitucionalcronologico202454587\/c-928-09\/\" class=\"_self\" target=\"_self\" >C-928-09<\/a><\/h4>\n<div class=\"pt-cv-content\">\u00a0 \u00a0 Sentencia C-928\/09 \u00a0 SANCIONES \u00a0 \u00a0 \u00a0 DEL \u00a0 \u00a0 \u00a0COMPARENDO \u00a0AMBIENTAL-Improcedencia \u00a0 \u00a0 del \u00a0 \u00a0 arresto \u00a0 \u00a0 por \u00a0desacato\/DERECHO \u00a0 \u00a0A \u00a0 \u00a0LA \u00a0 \u00a0LIBERTAD-Reserva \u00a0 \u00a0Judicial\/ALCALDE-Competencia en materia ambiental \u00a0\u00a0 El numeral 6o del art\u00edculo 7o de la Ley 1259 \u00a0de \u00a02008 \u00a0establece que, en caso de que una persona cometa reiteradamente una de \u00a0las \u00a0infracciones \u00a0contempladas \u00a0en \u00a0esa \u00a0Ley, persistiendo el desacato en grado \u00a0extremo, \u00a0las sanciones all\u00ed previstas pueden convertirse en arresto, recayendo \u00a0la \u00a0responsabilidad \u00a0sobre \u00a0la \u00a0aplicaci\u00f3n \u00a0de \u00a0las \u00a0sanciones \u00a0por \u00a0causa \u00a0del \u00a0comparendo \u00a0 ambiental \u00a0 sobre \u00a0 los \u00a0alcaldes ...<br \/><div class=\"pt-cv-rmwrap\"><a href=\"https:\/\/www.dmsjuridica.com\/buscador_20179478954\/corteconstitucionalcronologico202454587\/c-928-09\/\" class=\"_self pt-cv-readmore btn btn-success\" target=\"_self\">Ver Sentencia Completa...<\/a><\/div><\/div><\/div><\/div>\n<div class=\"col-md-12 col-sm-12 col-xs-12 pt-cv-content-item pt-cv-1-col\" ><div class='pt-cv-ifield'><a href=\"https:\/\/www.dmsjuridica.com\/buscador_20179478954\/corteconstitucionalcronologico202454587\/c-899-09\/\" class=\"_self pt-cv-href-thumbnail pt-cv-thumb-default\" target=\"_self\" ><\/a>\n<div class=\"pt-cv-taxoterm above_title\"><a href='https:\/\/www.dmsjuridica.com\/buscador_20179478954\/corteconstitucionalcronologico202454587\/category\/buscar-en-toda-la-corte\/2009\/sentencias-2009\/' title='Sentencias 2009' class='pt-cv-tax-sentencias-2009'>Sentencias 2009<\/a><\/div>\n<h4 class=\"pt-cv-title\"><a href=\"https:\/\/www.dmsjuridica.com\/buscador_20179478954\/corteconstitucionalcronologico202454587\/c-899-09\/\" class=\"_self\" target=\"_self\" >C-899-09<\/a><\/h4>\n<div class=\"pt-cv-content\">\u00a0 \u00a0 Sentencia \u00a0 \u00a0 C- \u00a0899-09 \u00a0\u00a0 Referencia: expediente\u00a0 D-7805 \u00a0 \u00a0\u00a0\u00a0\u00a0\u00a0\u00a0\u00a0\u00a0\u00a0\u00a0\u00a0\u00a0\u00a0\u00a0\u00a0\u00a0\u00a0\u00a0\u00a0\u00a0\u00a0\u00a0\u00a0\u00a0\u00a0\u00a0\u00a0\u00a0\u00a0\u00a0\u00a0\u00a0\u00a0\u00a0\u00a0\u00a0\u00a0\u00a0\u00a0\u00a0\u00a0\u00a0\u00a0\u00a0\u00a0\u00a0\u00a0\u00a0\u00a0\u00a0\u00a0\u00a0\u00a0\u00a0\u00a0\u00a0\u00a0\u00a0\u00a0\u00a0\u00a0\u00a0\u00a0\u00a0\u00a0\u00a0\u00a0\u00a0\u00a0\u00a0\u00a0\u00a0\u00a0\u00a0\u00a0\u00a0\u00a0\u00a0\u00a0\u00a0\u00a0\u00a0\u00a0\u00a0\u00a0\u00a0\u00a0\u00a0\u00a0\u00a0\u00a0\u00a0\u00a0\u00a0\u00a0\u00a0\u00a0\u00a0\u00a0\u00a0\u00a0\u00a0\u00a0\u00a0\u00a0\u00a0\u00a0\u00a0\u00a0\u00a0\u00a0\u00a0\u00a0\u00a0\u00a0\u00a0\u00a0\u00a0\u00a0\u00a0\u00a0\u00a0\u00a0\u00a0\u00a0\u00a0\u00a0\u00a0\u00a0\u00a0\u00a0\u00a0\u00a0\u00a0\u00a0\u00a0\u00a0\u00a0\u00a0\u00a0\u00a0\u00a0\u00a0\u00a0\u00a0\u00a0\u00a0\u00a0\u00a0\u00a0\u00a0\u00a0\u00a0\u00a0 \u00a0\u00a0 Demanda \u00a0de \u00a0inconstitucionalidad \u00a0contra \u00a0el \u00a0art\u00edculo \u00a0primero (1\u00b0) de la Ley 1296 de 2009, \u201cPor \u00a0medio \u00a0de \u00a0la \u00a0cual \u00a0se \u00a0modifica \u00a0el \u00a0art\u00edculo \u00a0primero \u00a0de \u00a0la \u00a0Ley \u00a01148 \u00a0de \u00a02007\u201d. \u00a0\u00a0 Actor: \u00a0 Lu\u00eds \u00a0 Alberto \u00a0Galeano \u00a0Barrera. \u00a0\u00a0 Magistrado Ponente: \u00a0 Dr. LU\u00cdS ERNESTO VARGAS SILVA \u00a0 Bogot\u00e1, \u00a0 \u00a0D.C.,\u00a0 \u00a0 dos \u00a0 (2)\u00a0 \u00a0de\u00a0\u00a0 diciembre de dos mil nueve\u00a0 (2009). \u00a0\u00a0 La \u00a0Sala Plena de la Corte Constitucional, en \u00a0ejercicio \u00a0de \u00a0sus \u00a0atribuciones \u00a0constitucionales \u00a0y \u00a0legales, \u00a0en especial las \u00a0previstas \u00a0en \u00a0el \u00a0art\u00edculo \u00a0241, ...<br \/><div class=\"pt-cv-rmwrap\"><a href=\"https:\/\/www.dmsjuridica.com\/buscador_20179478954\/corteconstitucionalcronologico202454587\/c-899-09\/\" class=\"_self pt-cv-readmore btn btn-success\" target=\"_self\">Ver Sentencia Completa...<\/a><\/div><\/div><\/div><\/div>\n<div class=\"col-md-12 col-sm-12 col-xs-12 pt-cv-content-item pt-cv-1-col\" ><div class='pt-cv-ifield'><a href=\"https:\/\/www.dmsjuridica.com\/buscador_20179478954\/corteconstitucionalcronologico202454587\/c-898-09\/\" class=\"_self pt-cv-href-thumbnail pt-cv-thumb-default\" target=\"_self\" ><\/a>\n<div class=\"pt-cv-taxoterm above_title\"><a href='https:\/\/www.dmsjuridica.com\/buscador_20179478954\/corteconstitucionalcronologico202454587\/category\/buscar-en-toda-la-corte\/2009\/sentencias-2009\/' title='Sentencias 2009' class='pt-cv-tax-sentencias-2009'>Sentencias 2009<\/a><\/div>\n<h4 class=\"pt-cv-title\"><a href=\"https:\/\/www.dmsjuridica.com\/buscador_20179478954\/corteconstitucionalcronologico202454587\/c-898-09\/\" class=\"_self\" target=\"_self\" >C-898-09<\/a><\/h4>\n<div class=\"pt-cv-content\">\u00a0 \u00a0 Sentencia \u00a0C-898-09 \u00a0\u00a0 Referencia: \u00a0expediente \u00a0D-7802 \u00a0\u00a0 Demanda \u00a0 de \u00a0 inconstitucionalidad \u00a0contra \u00a0art\u00edculo 550 (parcial) del C\u00f3digo Civil. \u00a0\u00a0 Actores: Luz Marina Jim\u00e9nez Pati\u00f1o y Carlos \u00a0Augusto Ni\u00f1o Mora. \u00a0\u00a0 Magistrado Ponente: \u00a0 Dr. LUIS ERNESTO VARGAS SILVA \u00a0 Bogot\u00e1 D.C., dos (2) de \u00a0diciembre de dos mil nueve (2009). \u00a0\u00a0 La Sala Plena de la Corte Constitucional, en \u00a0ejercicio \u00a0de \u00a0sus \u00a0atribuciones \u00a0constitucionales \u00a0y \u00a0en \u00a0cumplimiento \u00a0de \u00a0los \u00a0requisitos \u00a0y tr\u00e1mites establecidos en el Decreto 2067 de 1991, ha proferido la \u00a0presente Sentencia. \u00a0\u00a0 I. \u00a0ANTECEDENTES \u00a0\u00a0 En \u00a0 ejercicio \u00a0 de \u00a0la \u00a0acci\u00f3n \u00a0p\u00fablica \u00a0consagrada ...<br \/><div class=\"pt-cv-rmwrap\"><a href=\"https:\/\/www.dmsjuridica.com\/buscador_20179478954\/corteconstitucionalcronologico202454587\/c-898-09\/\" class=\"_self pt-cv-readmore btn btn-success\" target=\"_self\">Ver Sentencia Completa...<\/a><\/div><\/div><\/div><\/div>\n<div class=\"col-md-12 col-sm-12 col-xs-12 pt-cv-content-item pt-cv-1-col\" ><div class='pt-cv-ifield'><a href=\"https:\/\/www.dmsjuridica.com\/buscador_20179478954\/corteconstitucionalcronologico202454587\/c-897-09\/\" class=\"_self pt-cv-href-thumbnail pt-cv-thumb-default\" target=\"_self\" ><\/a>\n<div class=\"pt-cv-taxoterm above_title\"><a href='https:\/\/www.dmsjuridica.com\/buscador_20179478954\/corteconstitucionalcronologico202454587\/category\/buscar-en-toda-la-corte\/2009\/sentencias-2009\/' title='Sentencias 2009' class='pt-cv-tax-sentencias-2009'>Sentencias 2009<\/a><\/div>\n<h4 class=\"pt-cv-title\"><a href=\"https:\/\/www.dmsjuridica.com\/buscador_20179478954\/corteconstitucionalcronologico202454587\/c-897-09\/\" class=\"_self\" target=\"_self\" >C-897-09<\/a><\/h4>\n<div class=\"pt-cv-content\">\u00a0 \u00a0 Sentencia C-897-09 \u00a0 (Diciembre 2; Bogot\u00e1 D.C.) \u00a0 Referencia: \u00a0expediente D-7740. \u00a0\u00a0 Actor: \u00a0Andr\u00e9s \u00a0de \u00a0Zubir\u00eda Samper. \u00a0\u00a0 Demanda \u00a0 de \u00a0inconstitucional: contra el Decreto-Ley 1014 de 2000. \u00a0\u00a0 Magistrado \u00a0Ponente: \u00a0Mauricio Gonz\u00e1lez Cuervo. \u00a0\u00a0 I. ANTECEDENTES. \u00a0 1. Texto normativo demandado. \u00a0 El \u00a0ciudadano \u00a0Andr\u00e9s \u00a0de \u00a0Zubir\u00eda \u00a0Samper \u00a0present\u00f3 \u00a0demanda \u00a0de \u00a0inconstitucionalidad contra el Decreto-Ley 1014 de 2000, \u00a0en su totalidad, cuyo texto es el siguiente: \u00a0\u00a0 DECRETO \u00a0 \u00a01014 \u00a0 \u00a0DE \u00a0 20001 \u00a0\u00a0 (Junio 6) \u00a0 \u201cPor \u00a0el \u00a0cual \u00a0se \u00a0dictan \u00a0las normas del \u00a0r\u00e9gimen \u00a0espec\u00edfico \u00a0de \u00a0carrera \u00a0administrativa de la Registradur\u00eda Nacional \u00a0del \u00a0Estado ...<br \/><div class=\"pt-cv-rmwrap\"><a href=\"https:\/\/www.dmsjuridica.com\/buscador_20179478954\/corteconstitucionalcronologico202454587\/c-897-09\/\" class=\"_self pt-cv-readmore btn btn-success\" target=\"_self\">Ver Sentencia Completa...<\/a><\/div><\/div><\/div><\/div>\n<div class=\"col-md-12 col-sm-12 col-xs-12 pt-cv-content-item pt-cv-1-col\" ><div class='pt-cv-ifield'><a href=\"https:\/\/www.dmsjuridica.com\/buscador_20179478954\/corteconstitucionalcronologico202454587\/c-896-09\/\" class=\"_self pt-cv-href-thumbnail pt-cv-thumb-default\" target=\"_self\" ><\/a>\n<div class=\"pt-cv-taxoterm above_title\"><a href='https:\/\/www.dmsjuridica.com\/buscador_20179478954\/corteconstitucionalcronologico202454587\/category\/buscar-en-toda-la-corte\/2009\/sentencias-2009\/' title='Sentencias 2009' class='pt-cv-tax-sentencias-2009'>Sentencias 2009<\/a><\/div>\n<h4 class=\"pt-cv-title\"><a href=\"https:\/\/www.dmsjuridica.com\/buscador_20179478954\/corteconstitucionalcronologico202454587\/c-896-09\/\" class=\"_self\" target=\"_self\" >C-896-09<\/a><\/h4>\n<div class=\"pt-cv-content\">\u00a0 \u00a0 Sentencia \u00a0C-896-09 \u00a0\u00a0 Referencia: \u00a0expediente \u00a0D-7767 \u00a0\u00a0 Demanda \u00a0de \u00a0inconstitucionalidad \u00a0contra \u00a0el \u00a0art\u00edculo 54 (parcial) del Decreto 1045 de 1978. \u00a0\u00a0 Actora: \u00a0Andrea \u00a0Alexandra \u00a0Ortiz Hern\u00e1ndez. \u00a0\u00a0 Magistrado Ponente: \u00a0 Dr. LUIS ERENSTO VARGAS SILVA \u00a0 Bogot\u00e1, \u00a0D.C., diciembre dos (2) de dos mil \u00a0nueve (2009). \u00a0\u00a0 La Sala Plena de la Corte Constitucional, en \u00a0ejercicio \u00a0de \u00a0sus \u00a0atribuciones \u00a0constitucionales \u00a0y \u00a0legales, \u00a0en especial las \u00a0previstas \u00a0en \u00a0el \u00a0art\u00edculo \u00a0241, \u00a0numeral \u00a04 \u00a0de la Constituci\u00f3n Pol\u00edtica, y \u00a0cumplidos \u00a0todos \u00a0los \u00a0tr\u00e1mites y requisitos contemplados en el Decreto 2067 de \u00a01991, ha proferido la siguiente \u00a0\u00a0 SENTENCIA \u00a0 I ...<br \/><div class=\"pt-cv-rmwrap\"><a href=\"https:\/\/www.dmsjuridica.com\/buscador_20179478954\/corteconstitucionalcronologico202454587\/c-896-09\/\" class=\"_self pt-cv-readmore btn btn-success\" target=\"_self\">Ver Sentencia Completa...<\/a><\/div><\/div><\/div><\/div>\n<div class=\"col-md-12 col-sm-12 col-xs-12 pt-cv-content-item pt-cv-1-col\" ><div class='pt-cv-ifield'><a href=\"https:\/\/www.dmsjuridica.com\/buscador_20179478954\/corteconstitucionalcronologico202454587\/c-895-09\/\" class=\"_self pt-cv-href-thumbnail pt-cv-thumb-default\" target=\"_self\" ><\/a>\n<div class=\"pt-cv-taxoterm above_title\"><a href='https:\/\/www.dmsjuridica.com\/buscador_20179478954\/corteconstitucionalcronologico202454587\/category\/buscar-en-toda-la-corte\/2009\/sentencias-2009\/' title='Sentencias 2009' class='pt-cv-tax-sentencias-2009'>Sentencias 2009<\/a><\/div>\n<h4 class=\"pt-cv-title\"><a href=\"https:\/\/www.dmsjuridica.com\/buscador_20179478954\/corteconstitucionalcronologico202454587\/c-895-09\/\" class=\"_self\" target=\"_self\" >C-895-09<\/a><\/h4>\n<div class=\"pt-cv-content\">\u00a0 \u00a0 Sentencia C-895-09 \u00a0 Referencia: expediente D-7749 \u00a0 Demanda \u00a0de \u00a0inconstitucionalidad \u00a0contra \u00a0el \u00a0art\u00edculo \u00a04\u00ba (parcial) de la Ley 1066 de 2006, \u201cpor \u00a0la \u00a0cual \u00a0se \u00a0dictan \u00a0normas \u00a0para la normalizaci\u00f3n de la cartera p\u00fablica y se \u00a0dictan otras disposiciones\u201d. \u00a0\u00a0 Actor: Marcela Posada Acosta \u00a0 Magistrado Ponente: \u00a0 Dr. JORGE IV\u00c1N PALACIO PALACIO \u00a0 Bogot\u00e1, D.C., dos (2) de diciembre de dos mil \u00a0nueve (2009) \u00a0\u00a0 La \u00a0Sala Plena de la Corte Constitucional, en \u00a0cumplimiento \u00a0de \u00a0sus \u00a0atribuciones \u00a0constitucionales \u00a0y \u00a0de \u00a0los \u00a0requisitos \u00a0y \u00a0tr\u00e1mite \u00a0 \u00a0establecidos \u00a0 en \u00a0 el \u00a0 Decreto \u00a0 2067 \u00a0 de \u00a0 ...<br \/><div class=\"pt-cv-rmwrap\"><a href=\"https:\/\/www.dmsjuridica.com\/buscador_20179478954\/corteconstitucionalcronologico202454587\/c-895-09\/\" class=\"_self pt-cv-readmore btn btn-success\" target=\"_self\">Ver Sentencia Completa...<\/a><\/div><\/div><\/div><\/div>\n<div class=\"col-md-12 col-sm-12 col-xs-12 pt-cv-content-item pt-cv-1-col\" ><div class='pt-cv-ifield'><a href=\"https:\/\/www.dmsjuridica.com\/buscador_20179478954\/corteconstitucionalcronologico202454587\/c-894-09\/\" class=\"_self pt-cv-href-thumbnail pt-cv-thumb-default\" target=\"_self\" ><\/a>\n<div class=\"pt-cv-taxoterm above_title\"><a href='https:\/\/www.dmsjuridica.com\/buscador_20179478954\/corteconstitucionalcronologico202454587\/category\/buscar-en-toda-la-corte\/2009\/sentencias-2009\/' title='Sentencias 2009' class='pt-cv-tax-sentencias-2009'>Sentencias 2009<\/a><\/div>\n<h4 class=\"pt-cv-title\"><a href=\"https:\/\/www.dmsjuridica.com\/buscador_20179478954\/corteconstitucionalcronologico202454587\/c-894-09\/\" class=\"_self\" target=\"_self\" >C-894-09<\/a><\/h4>\n<div class=\"pt-cv-content\">\u00a0 \u00a0 \u00a0 \u00a0 \u00a0 \u00a0 \u00a0 SENTENCIA C-894-09 \u00a0 Referencia: expediente D-7748 \u00a0 Asunto: Demanda de inconstitucionalidad contra \u00a0el \u00a0art\u00edculo 1\u00b0 de la Ley 1289 de 2009 \u201cpor la cual \u00a0se \u00a0modifica \u00a0el \u00a0art\u00edculo \u00a04o. \u00a0de \u00a0la \u00a0Ley \u00a030 \u00a0de \u00a01971 \u00a0y \u00a0se \u00a0dictan otras \u00a0disposiciones\u201d. \u00a0\u00a0 Demandante: \u00a0 Juan Carlos Arango Rodr\u00edguez. \u00a0 Magistrado Ponente: \u00a0 Bogot\u00e1 \u00a0D.C.,\u00a0 dos (2) de diciembre de \u00a0dos mil nueve (2009). \u00a0\u00a0 La Sala Plena de la Corte Constitucional, en \u00a0cumplimiento \u00a0de \u00a0sus \u00a0atribuciones \u00a0constitucionales \u00a0y \u00a0de \u00a0los \u00a0requisitos \u00a0y \u00a0tr\u00e1mites \u00a0 establecidos \u00a0 en \u00a0 el \u00a0 Decreto \u00a02067 \u00a0de \u00a01991, ...<br \/><div class=\"pt-cv-rmwrap\"><a href=\"https:\/\/www.dmsjuridica.com\/buscador_20179478954\/corteconstitucionalcronologico202454587\/c-894-09\/\" class=\"_self pt-cv-readmore btn btn-success\" target=\"_self\">Ver Sentencia Completa...<\/a><\/div><\/div><\/div><\/div>\n<div class=\"col-md-12 col-sm-12 col-xs-12 pt-cv-content-item pt-cv-1-col\" ><div class='pt-cv-ifield'><a href=\"https:\/\/www.dmsjuridica.com\/buscador_20179478954\/corteconstitucionalcronologico202454587\/c-893-09\/\" class=\"_self pt-cv-href-thumbnail pt-cv-thumb-default\" target=\"_self\" ><\/a>\n<div class=\"pt-cv-taxoterm above_title\"><a href='https:\/\/www.dmsjuridica.com\/buscador_20179478954\/corteconstitucionalcronologico202454587\/category\/buscar-en-toda-la-corte\/2009\/sentencias-2009\/' title='Sentencias 2009' class='pt-cv-tax-sentencias-2009'>Sentencias 2009<\/a><\/div>\n<h4 class=\"pt-cv-title\"><a href=\"https:\/\/www.dmsjuridica.com\/buscador_20179478954\/corteconstitucionalcronologico202454587\/c-893-09\/\" class=\"_self\" target=\"_self\" >C-893-09<\/a><\/h4>\n<div class=\"pt-cv-content\">\u00a0 \u00a0 Sentencia C-893\/09 \u00a0 (Diciembre 2; Bogot\u00e1 D.C.) \u00a0 NACIONALIDAD COLOMBIANA POR ADOPCION DE LATINO \u00a0CARIBE \u00a0 \u00a0 \u00a0 \u00a0AMERICANOS-Requisitos\/NACIONALIDAD \u00a0 \u00a0COLOMBIANA \u00a0 \u00a0POR \u00a0 \u00a0ADOPCION \u00a0 DE \u00a0 LATINO \u00a0 CARIBE \u00a0AMERICANOS-No \u00a0sujeta \u00a0a \u00a0requisito \u00a0de \u00a0reciprocidad \u00a0convencional\/NACIONALIDAD \u00a0COLOMBIANA \u00a0POR ADOPCION DE \u00a0LATINO \u00a0CARIBE AMERICANOS-Concesi\u00f3n en aplicaci\u00f3n del \u00a0principio de reciprocidad en cualquiera de sus expresiones \u00a0\u00a0 La Constituci\u00f3n Pol\u00edtica -art. 96, num. 2b- \u00a0opt\u00f3 \u00a0por \u00a0otorgar \u00a0la \u00a0nacionalidad en modalidad de adopci\u00f3n a los nacidos en \u00a0Latinoam\u00e9rica \u00a0y el Caribe, consecuente con el mandato general de promoci\u00f3n de \u00a0la \u00a0integraci\u00f3n \u00a0latinoamericana de acuerdo con el principio de ...<br \/><div class=\"pt-cv-rmwrap\"><a href=\"https:\/\/www.dmsjuridica.com\/buscador_20179478954\/corteconstitucionalcronologico202454587\/c-893-09\/\" class=\"_self pt-cv-readmore btn btn-success\" target=\"_self\">Ver Sentencia Completa...<\/a><\/div><\/div><\/div><\/div>\n<div class=\"col-md-12 col-sm-12 col-xs-12 pt-cv-content-item pt-cv-1-col\" ><div class='pt-cv-ifield'><a href=\"https:\/\/www.dmsjuridica.com\/buscador_20179478954\/corteconstitucionalcronologico202454587\/c-892-09\/\" class=\"_self pt-cv-href-thumbnail pt-cv-thumb-default\" target=\"_self\" ><\/a>\n<div class=\"pt-cv-taxoterm above_title\"><a href='https:\/\/www.dmsjuridica.com\/buscador_20179478954\/corteconstitucionalcronologico202454587\/category\/buscar-en-toda-la-corte\/2009\/sentencias-2009\/' title='Sentencias 2009' class='pt-cv-tax-sentencias-2009'>Sentencias 2009<\/a><\/div>\n<h4 class=\"pt-cv-title\"><a href=\"https:\/\/www.dmsjuridica.com\/buscador_20179478954\/corteconstitucionalcronologico202454587\/c-892-09\/\" class=\"_self\" target=\"_self\" >C-892-09<\/a><\/h4>\n<div class=\"pt-cv-content\">\u00a0 \u00a0 Sentencia \u00a0C-892-09 \u00a0\u00a0 Referencia: \u00a0expediente \u00a0D-7742 \u00a0\u00a0 Demanda \u00a0de \u00a0inconstitucionalidad \u00a0contra \u00a0el \u00a0art\u00edculo \u00a029 (parcial) de la Ley 789 de 2002 \u201cpor la \u00a0cual \u00a0se \u00a0dictan \u00a0normas para apoyar el empleo y se modifican algunos art\u00edculos \u00a0del C\u00f3digo Sustantivo del Trabajo.\u201d \u00a0\u00a0 Actor: William L\u00f3pez Leyton \u00a0 Magistrado Ponente: \u00a0 Dr. LUIS ERNESTO VARGAS SILVA \u00a0 Bogot\u00e1 D.C., dos (2) de \u00a0diciembre de dos mil nueve (2009). \u00a0\u00a0 La Sala Plena de la Corte Constitucional, en \u00a0ejercicio \u00a0de \u00a0sus \u00a0atribuciones \u00a0constitucionales \u00a0y \u00a0en \u00a0cumplimiento \u00a0de \u00a0los \u00a0requisitos \u00a0y tr\u00e1mites establecidos en el Decreto 2067 de 1991, ha proferido ...<br \/><div class=\"pt-cv-rmwrap\"><a href=\"https:\/\/www.dmsjuridica.com\/buscador_20179478954\/corteconstitucionalcronologico202454587\/c-892-09\/\" class=\"_self pt-cv-readmore btn btn-success\" target=\"_self\">Ver Sentencia Completa...<\/a><\/div><\/div><\/div><\/div>\n<div class=\"col-md-12 col-sm-12 col-xs-12 pt-cv-content-item pt-cv-1-col\" ><div class='pt-cv-ifield'><a href=\"https:\/\/www.dmsjuridica.com\/buscador_20179478954\/corteconstitucionalcronologico202454587\/c-856-09\/\" class=\"_self pt-cv-href-thumbnail pt-cv-thumb-default\" target=\"_self\" ><\/a>\n<div class=\"pt-cv-taxoterm above_title\"><a href='https:\/\/www.dmsjuridica.com\/buscador_20179478954\/corteconstitucionalcronologico202454587\/category\/buscar-en-toda-la-corte\/2009\/sentencias-2009\/' title='Sentencias 2009' class='pt-cv-tax-sentencias-2009'>Sentencias 2009<\/a><\/div>\n<h4 class=\"pt-cv-title\"><a href=\"https:\/\/www.dmsjuridica.com\/buscador_20179478954\/corteconstitucionalcronologico202454587\/c-856-09\/\" class=\"_self\" target=\"_self\" >C-856-09<\/a><\/h4>\n<div class=\"pt-cv-content\">\u00a0 \u00a0 Sentencia C-856-09 \u00a0 Objeciones \u00a0Presidenciales al proyecto de Ley \u00a0No. \u00a0012 de 2006 C\u00e1mara, 087 de 2007 Senado, \u201cPor la \u00a0cual \u00a0se \u00a0reforma la Ley 769 de 2002 (C\u00f3digo Nacional de Tr\u00e1nsito) y se dictan \u00a0otras disposiciones\u201d. \u00a0\u00a0 Magistrado Ponente: \u00a0 Dr. HUMBERTO ANTONIO SIERRA PORTO \u00a0 Bogot\u00e1, \u00a0D.C., noviembre veinticinco (25) de \u00a0dos mil nueve (2009). \u00a0\u00a0 La \u00a0Sala Plena de la Corte Constitucional, en \u00a0cumplimiento \u00a0de \u00a0sus \u00a0atribuciones \u00a0constitucionales \u00a0y \u00a0de \u00a0los \u00a0requisitos \u00a0y \u00a0tr\u00e1mite \u00a0 establecidos \u00a0 en \u00a0 el \u00a0 decreto \u00a0 2067 \u00a0de \u00a01991, \u00a0ha \u00a0proferido \u00a0la \u00a0siguiente \u00a0\u00a0 SENTENCIA \u00a0 para \u00a0decidir ...<br \/><div class=\"pt-cv-rmwrap\"><a href=\"https:\/\/www.dmsjuridica.com\/buscador_20179478954\/corteconstitucionalcronologico202454587\/c-856-09\/\" class=\"_self pt-cv-readmore btn btn-success\" target=\"_self\">Ver Sentencia Completa...<\/a><\/div><\/div><\/div><\/div>\n<div class=\"col-md-12 col-sm-12 col-xs-12 pt-cv-content-item pt-cv-1-col\" ><div class='pt-cv-ifield'><a href=\"https:\/\/www.dmsjuridica.com\/buscador_20179478954\/corteconstitucionalcronologico202454587\/c-855-09\/\" class=\"_self pt-cv-href-thumbnail pt-cv-thumb-default\" target=\"_self\" ><\/a>\n<div class=\"pt-cv-taxoterm above_title\"><a href='https:\/\/www.dmsjuridica.com\/buscador_20179478954\/corteconstitucionalcronologico202454587\/category\/buscar-en-toda-la-corte\/2009\/sentencias-2009\/' title='Sentencias 2009' class='pt-cv-tax-sentencias-2009'>Sentencias 2009<\/a><\/div>\n<h4 class=\"pt-cv-title\"><a href=\"https:\/\/www.dmsjuridica.com\/buscador_20179478954\/corteconstitucionalcronologico202454587\/c-855-09\/\" class=\"_self\" target=\"_self\" >C-855-09<\/a><\/h4>\n<div class=\"pt-cv-content\">\u00a0 \u00a0 \u00a0\u00a0 Sentencia C-855-09 \u00a0 (Noviembre 25, Bogot\u00e1 D.C.) \u00a0 Demanda \u00a0de inconstitucionalidad: \u00a0contra \u00a0los \u00a0art\u00edculos \u00a01, \u00a02, \u00a0y \u00a05 \u00a0de \u00a0la \u00a0Ley \u00a01233 \u00a0de \u00a02008 \u00a0\u201cpor \u00a0medio \u00a0de \u00a0la \u00a0cual \u00a0se precisan los elementos \u00a0estructurales \u00a0de \u00a0las \u00a0contribuciones \u00a0a \u00a0la \u00a0seguridad \u00a0social, \u00a0se \u00a0crean las \u00a0contribuciones \u00a0especiales \u00a0a \u00a0cargo \u00a0de \u00a0las \u00a0Cooperativas y Precooperativas de \u00a0Trabajo \u00a0Asociado, \u00a0con \u00a0destino \u00a0al \u00a0Servicio Nacional de Aprendizaje, SENA, al \u00a0Instituto \u00a0 Colombiano \u00a0 de \u00a0 Bienestar \u00a0 Familiar, \u00a0ICBF, \u00a0y \u00a0a \u00a0las \u00a0Cajas \u00a0de \u00a0Compensaci\u00f3n \u00a0Familiar, \u00a0se \u00a0fortalece el control concurrente y se dictan otras \u00a0disposiciones\u201d. \u00a0\u00a0 Demandante: \u00a0Jos\u00e9 Rafael Fl\u00f3rez ...<br \/><div class=\"pt-cv-rmwrap\"><a href=\"https:\/\/www.dmsjuridica.com\/buscador_20179478954\/corteconstitucionalcronologico202454587\/c-855-09\/\" class=\"_self pt-cv-readmore btn btn-success\" target=\"_self\">Ver Sentencia Completa...<\/a><\/div><\/div><\/div><\/div>\n<div class=\"col-md-12 col-sm-12 col-xs-12 pt-cv-content-item pt-cv-1-col\" ><div class='pt-cv-ifield'><a href=\"https:\/\/www.dmsjuridica.com\/buscador_20179478954\/corteconstitucionalcronologico202454587\/c-854-09\/\" class=\"_self pt-cv-href-thumbnail pt-cv-thumb-default\" target=\"_self\" ><\/a>\n<div class=\"pt-cv-taxoterm above_title\"><a href='https:\/\/www.dmsjuridica.com\/buscador_20179478954\/corteconstitucionalcronologico202454587\/category\/buscar-en-toda-la-corte\/2009\/sentencias-2009\/' title='Sentencias 2009' class='pt-cv-tax-sentencias-2009'>Sentencias 2009<\/a><\/div>\n<h4 class=\"pt-cv-title\"><a href=\"https:\/\/www.dmsjuridica.com\/buscador_20179478954\/corteconstitucionalcronologico202454587\/c-854-09\/\" class=\"_self\" target=\"_self\" >C-854-09<\/a><\/h4>\n<div class=\"pt-cv-content\">\u00a0 \u00a0 Sentencia \u00a0C-854-09 \u00a0\u00a0 Referencia: expediente D- 7741 \u00a0 Demanda \u00a0de \u00a0inconstitucionalidad \u00a0contra \u00a0el \u00a0art\u00edculo 50, numeral 4\u00ba de la Ley 1142 de 2007. \u00a0\u00a0 Demandante: \u00a0 \u00a0Juli\u00e1n \u00a0 \u00a0Arturo \u00a0 \u00a0Polo \u00a0Echeverri \u00a0\u00a0 Magistrado Ponente: \u00a0 Dr. JUAN CARLOS HENAO PEREZ \u00a0 La \u00a0Sala Plena de la Corte Constitucional, en \u00a0cumplimiento \u00a0de \u00a0sus \u00a0atribuciones \u00a0constitucionales \u00a0y \u00a0de \u00a0los \u00a0requisitos \u00a0y \u00a0tr\u00e1mites \u00a0 establecidos \u00a0 en \u00a0 el \u00a0 Decreto \u00a02067 \u00a0de \u00a01991, \u00a0ha \u00a0proferido \u00a0la \u00a0siguiente \u00a0\u00a0 S \u00a0E \u00a0N \u00a0T \u00a0E \u00a0N \u00a0C \u00a0I \u00a0A \u00a0\u00a0 I. ANTECEDENTES \u00a0 En ejercicio de la acci\u00f3n p\u00fablica consagrada \u00a0en ...<br \/><div class=\"pt-cv-rmwrap\"><a href=\"https:\/\/www.dmsjuridica.com\/buscador_20179478954\/corteconstitucionalcronologico202454587\/c-854-09\/\" class=\"_self pt-cv-readmore btn btn-success\" target=\"_self\">Ver Sentencia Completa...<\/a><\/div><\/div><\/div><\/div>\n<div class=\"col-md-12 col-sm-12 col-xs-12 pt-cv-content-item pt-cv-1-col\" ><div class='pt-cv-ifield'><a href=\"https:\/\/www.dmsjuridica.com\/buscador_20179478954\/corteconstitucionalcronologico202454587\/c-853-09\/\" class=\"_self pt-cv-href-thumbnail pt-cv-thumb-default\" target=\"_self\" ><\/a>\n<div class=\"pt-cv-taxoterm above_title\"><a href='https:\/\/www.dmsjuridica.com\/buscador_20179478954\/corteconstitucionalcronologico202454587\/category\/buscar-en-toda-la-corte\/2009\/sentencias-2009\/' title='Sentencias 2009' class='pt-cv-tax-sentencias-2009'>Sentencias 2009<\/a><\/div>\n<h4 class=\"pt-cv-title\"><a href=\"https:\/\/www.dmsjuridica.com\/buscador_20179478954\/corteconstitucionalcronologico202454587\/c-853-09\/\" class=\"_self\" target=\"_self\" >C-853-09<\/a><\/h4>\n<div class=\"pt-cv-content\">\u00a0 \u00a0 Sentencia C-853-09 \u00a0 Referencia: expediente D-7708 \u00a0 Demanda \u00a0 de \u00a0inconstitucionalidad \u00a0contra \u00a0el \u00a0art\u00edculo 18, parcial, de la Ley 1121 de 2006, \u00a0que \u00a0modific\u00f3 \u00a0el \u00a0art\u00edculo \u00a0441 \u00a0del C\u00f3digo Penal1. \u00a0\u00a0 Accionante: \u00a0 Miller \u00a0 Alfonso \u00a0 Ram\u00edrez \u00a0Sol\u00f3rzano. \u00a0\u00a0 Magistrado Ponente: \u00a0 Dr. JORGE IV\u00c1N PALACIO PALACIO \u00a0 Bogot\u00e1 \u00a0D. C., veinticinco (25) de noviembre \u00a0de dos mil nueve (2009). \u00a0\u00a0 La \u00a0Sala Plena de la Corte Constitucional, en \u00a0ejercicio \u00a0 de \u00a0sus \u00a0atribuciones \u00a0constitucionales \u00a0y \u00a0una \u00a0vez \u00a0cumplidos \u00a0los \u00a0requisitos \u00a0y \u00a0tr\u00e1mites \u00a0establecidos \u00a0en \u00a0el Decreto 2067 de 1991, profiere la \u00a0siguiente: \u00a0\u00a0 SENTENCIA \u00a0 I.\u00a0 ...<br \/><div class=\"pt-cv-rmwrap\"><a href=\"https:\/\/www.dmsjuridica.com\/buscador_20179478954\/corteconstitucionalcronologico202454587\/c-853-09\/\" class=\"_self pt-cv-readmore btn btn-success\" target=\"_self\">Ver Sentencia Completa...<\/a><\/div><\/div><\/div><\/div>\n<div class=\"col-md-12 col-sm-12 col-xs-12 pt-cv-content-item pt-cv-1-col\" ><div class='pt-cv-ifield'><a href=\"https:\/\/www.dmsjuridica.com\/buscador_20179478954\/corteconstitucionalcronologico202454587\/c-852-09\/\" class=\"_self pt-cv-href-thumbnail pt-cv-thumb-default\" target=\"_self\" ><\/a>\n<div class=\"pt-cv-taxoterm above_title\"><a href='https:\/\/www.dmsjuridica.com\/buscador_20179478954\/corteconstitucionalcronologico202454587\/category\/buscar-en-toda-la-corte\/2009\/sentencias-2009\/' title='Sentencias 2009' class='pt-cv-tax-sentencias-2009'>Sentencias 2009<\/a><\/div>\n<h4 class=\"pt-cv-title\"><a href=\"https:\/\/www.dmsjuridica.com\/buscador_20179478954\/corteconstitucionalcronologico202454587\/c-852-09\/\" class=\"_self\" target=\"_self\" >C-852-09<\/a><\/h4>\n<div class=\"pt-cv-content\">\u00a0 \u00a0 Sentencia C-852-09 \u00a0 Referencia: \u00a0expediente D- 7657 \u00a0\u00a0 Demanda \u00a0de \u00a0inconstitucionalidad \u00a0contra los \u00a0art\u00edculos \u00a01\u00b0, \u00a02\u00b0, \u00a03\u00b0, \u00a04\u00b0, \u00a07\u00b0, 8\u00b0 y 10\u00b0 parciales, de la Ley 1231 de \u00a02008 \u00a0\u201cPor \u00a0la cual se unifica la factura como t\u00edtulo valor como mecanismo de \u00a0financiaci\u00f3n \u00a0para \u00a0el \u00a0micro, peque\u00f1o y mediano empresario, y se dictan otras \u00a0disposiciones\u201d. \u00a0\u00a0 Demandante: Humberto \u00a0de la Calle Lombana. \u00a0\u00a0 Magistrado Ponente: \u00a0 Dr. \u00a0HUMBERTO \u00a0ANTONIO \u00a0SIERRA PORTO \u00a0\u00a0 Bogot\u00e1, D.C., veinticinco (25) de noviembre \u00a0de dos mil nueve (2009). \u00a0\u00a0 \u00a0 \u00a0 \u00a0 I. ANTECEDENTES: \u00a0 \u00a0\u00a0 En \u00a0 ejercicio \u00a0 de \u00a0la \u00a0acci\u00f3n ...<br \/><div class=\"pt-cv-rmwrap\"><a href=\"https:\/\/www.dmsjuridica.com\/buscador_20179478954\/corteconstitucionalcronologico202454587\/c-852-09\/\" class=\"_self pt-cv-readmore btn btn-success\" target=\"_self\">Ver Sentencia Completa...<\/a><\/div><\/div><\/div><\/div>\n<div class=\"col-md-12 col-sm-12 col-xs-12 pt-cv-content-item pt-cv-1-col\" ><div class='pt-cv-ifield'><a href=\"https:\/\/www.dmsjuridica.com\/buscador_20179478954\/corteconstitucionalcronologico202454587\/c-851-09\/\" class=\"_self pt-cv-href-thumbnail pt-cv-thumb-default\" target=\"_self\" ><\/a>\n<div class=\"pt-cv-taxoterm above_title\"><a href='https:\/\/www.dmsjuridica.com\/buscador_20179478954\/corteconstitucionalcronologico202454587\/category\/buscar-en-toda-la-corte\/2009\/sentencias-2009\/' title='Sentencias 2009' class='pt-cv-tax-sentencias-2009'>Sentencias 2009<\/a><\/div>\n<h4 class=\"pt-cv-title\"><a href=\"https:\/\/www.dmsjuridica.com\/buscador_20179478954\/corteconstitucionalcronologico202454587\/c-851-09\/\" class=\"_self\" target=\"_self\" >C-851-09<\/a><\/h4>\n<div class=\"pt-cv-content\">\u00a0 \u00a0 Sentencia C-851-09 \u00a0 Referencia: expediente D-7721 \u00a0 Demandante: Juan Trujillo Cabrera. \u00a0 Demanda \u00a0de \u00a0inconstitucionalidad \u00a0contra \u00a0el \u00a0inciso \u00a0segundo del art\u00edculo 257 del C\u00f3digo Penal, modificado por el art\u00edculo \u00a01\u00ba \u00a0de \u00a0la \u00a0Ley \u00a01032 \u00a0de \u00a02006, \u201cDe la prestaci\u00f3n, \u00a0acceso \u00a0 o \u00a0 uso \u00a0ilegales \u00a0de \u00a0los \u00a0servicios \u00a0de \u00a0telecomunicaciones\u201d.\u00a0 \u00a0\u00a0 Magistrado Ponente: \u00a0 Dr. JUAN CARLOS HENAO P\u00c9REZ \u00a0 \u00a0 \u00a0 \u00a0 Bogot\u00e1, \u00a0D.C., veinticinco (25) de noviembre \u00a0de dos mil nueve (2009)\u00a0 \u00a0\u00a0 La \u00a0Sala Plena de la Corte Constitucional, en \u00a0ejercicio \u00a0de \u00a0sus \u00a0atribuciones \u00a0constitucionales \u00a0y \u00a0en \u00a0cumplimiento \u00a0de \u00a0los \u00a0requisitos \u00a0y \u00a0tr\u00e1mites \u00a0establecidos \u00a0en ...<br \/><div class=\"pt-cv-rmwrap\"><a href=\"https:\/\/www.dmsjuridica.com\/buscador_20179478954\/corteconstitucionalcronologico202454587\/c-851-09\/\" class=\"_self pt-cv-readmore btn btn-success\" target=\"_self\">Ver Sentencia Completa...<\/a><\/div><\/div><\/div><\/div>\n<div class=\"col-md-12 col-sm-12 col-xs-12 pt-cv-content-item pt-cv-1-col\" ><div class='pt-cv-ifield'><a href=\"https:\/\/www.dmsjuridica.com\/buscador_20179478954\/corteconstitucionalcronologico202454587\/c-850-09\/\" class=\"_self pt-cv-href-thumbnail pt-cv-thumb-default\" target=\"_self\" ><\/a>\n<div class=\"pt-cv-taxoterm above_title\"><a href='https:\/\/www.dmsjuridica.com\/buscador_20179478954\/corteconstitucionalcronologico202454587\/category\/buscar-en-toda-la-corte\/2009\/sentencias-2009\/' title='Sentencias 2009' class='pt-cv-tax-sentencias-2009'>Sentencias 2009<\/a><\/div>\n<h4 class=\"pt-cv-title\"><a href=\"https:\/\/www.dmsjuridica.com\/buscador_20179478954\/corteconstitucionalcronologico202454587\/c-850-09\/\" class=\"_self\" target=\"_self\" >C-850-09<\/a><\/h4>\n<div class=\"pt-cv-content\">\u00a0 \u00a0 Sentencia C-850-09 \u00a0 Referencia: \u00a0expediente\u00a0OP-116. \u00a0\u00a0 Objeciones \u00a0presidenciales al proyecto de ley \u00a0094\/07 \u00a0Senado - 336\/08 C\u00e1mara, \u201cPor el derecho a la \u00a0vida de los ni\u00f1os con c\u00e1ncer en Colombia\u201d.\u00a0 \u00a0\u00a0 Magistrado Ponente: \u00a0 Dr. NILSON PINILLA PINILLA \u00a0 Bogot\u00e1, \u00a0D. \u00a0C., noviembre veinticinco (25) \u00a0dos mil nueve (2009). \u00a0\u00a0 La Sala Plena de la Corte Constitucional, en \u00a0cumplimiento \u00a0de \u00a0sus \u00a0atribuciones \u00a0constitucionales \u00a0y \u00a0de \u00a0los \u00a0requisitos \u00a0y \u00a0tr\u00e1mite \u00a0 establecidos \u00a0 en \u00a0 el \u00a0 Decreto \u00a0 2067 \u00a0de \u00a01991, \u00a0ha \u00a0proferido \u00a0la \u00a0siguiente \u00a0\u00a0 SENTENCIA \u00a0 I. ANTECEDENTES\u00a0 \u00a0 Mediante \u00a0oficio \u00a0recibido el 26 de enero ...<br \/><div class=\"pt-cv-rmwrap\"><a href=\"https:\/\/www.dmsjuridica.com\/buscador_20179478954\/corteconstitucionalcronologico202454587\/c-850-09\/\" class=\"_self pt-cv-readmore btn btn-success\" target=\"_self\">Ver Sentencia Completa...<\/a><\/div><\/div><\/div><\/div>\n<div class=\"col-md-12 col-sm-12 col-xs-12 pt-cv-content-item pt-cv-1-col\" ><div class='pt-cv-ifield'><a href=\"https:\/\/www.dmsjuridica.com\/buscador_20179478954\/corteconstitucionalcronologico202454587\/c-816-09\/\" class=\"_self pt-cv-href-thumbnail pt-cv-thumb-default\" target=\"_self\" ><\/a>\n<div class=\"pt-cv-taxoterm above_title\"><a href='https:\/\/www.dmsjuridica.com\/buscador_20179478954\/corteconstitucionalcronologico202454587\/category\/buscar-en-toda-la-corte\/2009\/sentencias-2009\/' title='Sentencias 2009' class='pt-cv-tax-sentencias-2009'>Sentencias 2009<\/a><\/div>\n<h4 class=\"pt-cv-title\"><a href=\"https:\/\/www.dmsjuridica.com\/buscador_20179478954\/corteconstitucionalcronologico202454587\/c-816-09\/\" class=\"_self\" target=\"_self\" >C-816-09<\/a><\/h4>\n<div class=\"pt-cv-content\">\u00a0 \u00a0 Sentencia C-816-09 \u00a0 Referencia: expediente D-7746 \u00a0 Demandante: \u00a0Jorge \u00a0Ramiro Barrera Forero \u00a0\u00a0 Demanda \u00a0de \u00a0inconstitucionalidad \u00a0contra \u00a0el \u00a0art\u00edculo \u00a018 \u00a0(parcial) y su par\u00e1grafo 2, de la Ley 1164 de 2007, \u201cpor \u00a0la \u00a0cual \u00a0se \u00a0dictan \u00a0disposiciones \u00a0en \u00a0materia del Talento \u00a0Humano en Salud\u201d \u00a0\u00a0 Dra. MARIA VICTORIA CALLE CORREA \u00a0 Bogot\u00e1, D.C., dieciocho (18) de noviembre de \u00a0dos mil nueve (2009). \u00a0\u00a0 La Sala Plena de la Corte Constitucional, en \u00a0cumplimiento \u00a0de \u00a0sus \u00a0atribuciones \u00a0constitucionales \u00a0y \u00a0de \u00a0los \u00a0requisitos de \u00a0tr\u00e1mite \u00a0 establecidos \u00a0 en \u00a0 el \u00a0 Decreto \u00a0 2067 \u00a0de \u00a01991, \u00a0ha \u00a0proferido \u00a0la \u00a0siguiente ...<br \/><div class=\"pt-cv-rmwrap\"><a href=\"https:\/\/www.dmsjuridica.com\/buscador_20179478954\/corteconstitucionalcronologico202454587\/c-816-09\/\" class=\"_self pt-cv-readmore btn btn-success\" target=\"_self\">Ver Sentencia Completa...<\/a><\/div><\/div><\/div><\/div>\n<div class=\"col-md-12 col-sm-12 col-xs-12 pt-cv-content-item pt-cv-1-col\" ><div class='pt-cv-ifield'><a href=\"https:\/\/www.dmsjuridica.com\/buscador_20179478954\/corteconstitucionalcronologico202454587\/c-815-09\/\" class=\"_self pt-cv-href-thumbnail pt-cv-thumb-default\" target=\"_self\" ><\/a>\n<div class=\"pt-cv-taxoterm above_title\"><a href='https:\/\/www.dmsjuridica.com\/buscador_20179478954\/corteconstitucionalcronologico202454587\/category\/buscar-en-toda-la-corte\/2009\/sentencias-2009\/' title='Sentencias 2009' class='pt-cv-tax-sentencias-2009'>Sentencias 2009<\/a><\/div>\n<h4 class=\"pt-cv-title\"><a href=\"https:\/\/www.dmsjuridica.com\/buscador_20179478954\/corteconstitucionalcronologico202454587\/c-815-09\/\" class=\"_self\" target=\"_self\" >C-815-09<\/a><\/h4>\n<div class=\"pt-cv-content\">\u00a0 \u00a0 Sentencia C-815-09 \u00a0 PRINCIPIO \u00a0DE \u00a0LEGALIDAD \u00a0EN \u00a0SANCIONES \u00a0POR \u00a0INCUMPLIMIENTO \u00a0 EN \u00a0 PRESENTACION \u00a0 DE \u00a0 DECLARACION \u00a0 INFORMATIVA-Cumplimiento \u00a0\u00a0 Si \u00a0bien el Legislador tiene competencia para \u00a0establecer \u00a0las \u00a0sanciones, \u00e9stas tienen dos connotaciones, que consisten en la \u00a0existencia \u00a0previa de una ley que se\u00f1ale de manera clara y completa la conducta \u00a0objeto \u00a0de la sanci\u00f3n, y el establecimiento en la misma norma de criterios para \u00a0su \u00a0determinaci\u00f3n y procedimientos para su imposici\u00f3n, con el fin de cerrar la \u00a0discrecionalidad de la administraci\u00f3n tributaria. \u00a0\u00a0 PRINCIPIOS \u00a0DE \u00a0JUSTICIA, \u00a0IGUALDAD Y EQUIDAD \u00a0TRIBUTARIA-No \u00a0se \u00a0vulneran por sanciones relacionadas ...<br \/><div class=\"pt-cv-rmwrap\"><a href=\"https:\/\/www.dmsjuridica.com\/buscador_20179478954\/corteconstitucionalcronologico202454587\/c-815-09\/\" class=\"_self pt-cv-readmore btn btn-success\" target=\"_self\">Ver Sentencia Completa...<\/a><\/div><\/div><\/div><\/div>\n<div class=\"col-md-12 col-sm-12 col-xs-12 pt-cv-content-item pt-cv-1-col\" ><div class='pt-cv-ifield'><a href=\"https:\/\/www.dmsjuridica.com\/buscador_20179478954\/corteconstitucionalcronologico202454587\/c-814-09\/\" class=\"_self pt-cv-href-thumbnail pt-cv-thumb-default\" target=\"_self\" ><\/a>\n<div class=\"pt-cv-taxoterm above_title\"><a href='https:\/\/www.dmsjuridica.com\/buscador_20179478954\/corteconstitucionalcronologico202454587\/category\/buscar-en-toda-la-corte\/2009\/sentencias-2009\/' title='Sentencias 2009' class='pt-cv-tax-sentencias-2009'>Sentencias 2009<\/a><\/div>\n<h4 class=\"pt-cv-title\"><a href=\"https:\/\/www.dmsjuridica.com\/buscador_20179478954\/corteconstitucionalcronologico202454587\/c-814-09\/\" class=\"_self\" target=\"_self\" >C-814-09<\/a><\/h4>\n<div class=\"pt-cv-content\">\u00a0 \u00a0 Sentencia C-814\/09 \u00a0 LIBERTAD \u00a0DE \u00a0CONFIGURACION \u00a0LEGISLATIVA \u00a0EN \u00a0MATERIA \u00a0 \u00a0 \u00a0 \u00a0 \u00a0 \u00a0DE \u00a0 \u00a0 \u00a0 \u00a0 \u00a0 \u00a0PROCEDIMIENTOS \u00a0 \u00a0 \u00a0 \u00a0 \u00a0 JUDICIALES-L\u00edmites \u00a0\u00a0 TERMINO \u00a0 \u00a0 \u00a0 PROCESAL-Significado \u00a0\u00a0 TERMINO \u00a0 PROCESAL \u00a0PERENTORIO-Consagraci\u00f3n no contradice la Constituci\u00f3n \u00a0\u00a0 PROCESO \u00a0EJECUTIVO \u00a0SINGULAR \u00a0Y EJECUTIVO CON \u00a0TITULO \u00a0 HIPOTECARIO-Aplicaci\u00f3n \u00a0para \u00a0el \u00a0cobro \u00a0de \u00a0obligaciones de dar, hacer o de pagar sumas de dinero \u00a0\u00a0 JUEZ \u00a0 \u00a0 \u00a0CONSTITUCIONAL-Alcance \u00a0de \u00a0su \u00a0funci\u00f3n \u00a0respecto \u00a0de \u00a0normas \u00a0que fijan t\u00e9rminos \u00a0procesales \u00a0\u00a0 La \u00a0jurisprudencia \u00a0ha \u00a0establecido \u00a0que \u00a0la \u00a0funci\u00f3n \u00a0del \u00a0juez \u00a0constitucional, cuando examina normas legales en las ...<br \/><div class=\"pt-cv-rmwrap\"><a href=\"https:\/\/www.dmsjuridica.com\/buscador_20179478954\/corteconstitucionalcronologico202454587\/c-814-09\/\" class=\"_self pt-cv-readmore btn btn-success\" target=\"_self\">Ver Sentencia Completa...<\/a><\/div><\/div><\/div><\/div>\n<div class=\"col-md-12 col-sm-12 col-xs-12 pt-cv-content-item pt-cv-1-col\" ><div class='pt-cv-ifield'><a href=\"https:\/\/www.dmsjuridica.com\/buscador_20179478954\/corteconstitucionalcronologico202454587\/c-813-09\/\" class=\"_self pt-cv-href-thumbnail pt-cv-thumb-default\" target=\"_self\" ><\/a>\n<div class=\"pt-cv-taxoterm above_title\"><a href='https:\/\/www.dmsjuridica.com\/buscador_20179478954\/corteconstitucionalcronologico202454587\/category\/buscar-en-toda-la-corte\/2009\/sentencias-2009\/' title='Sentencias 2009' class='pt-cv-tax-sentencias-2009'>Sentencias 2009<\/a><\/div>\n<h4 class=\"pt-cv-title\"><a href=\"https:\/\/www.dmsjuridica.com\/buscador_20179478954\/corteconstitucionalcronologico202454587\/c-813-09\/\" class=\"_self\" target=\"_self\" >C-813-09<\/a><\/h4>\n<div class=\"pt-cv-content\">\u00a0 \u00a0 Sentencia C-813-09 \u00a0 CODIGO \u00a0 \u00a0 \u00a0DE \u00a0 \u00a0 MINAS-Autorizaci\u00f3n \u00a0 para \u00a0 uso \u00a0 ocasional \u00a0o \u00a0transitorio \u00a0de \u00a0recursos \u00a0naturales \u00a0renovables \u00a0en \u00a0zonas \u00a0de \u00a0exploraci\u00f3n \u00a0minera \u00a0debe \u00a0ser \u00a0objeto de \u00a0evaluaci\u00f3n, \u00a0 \u00a0control \u00a0 \u00a0y \u00a0 \u00a0seguimiento \u00a0 \u00a0por \u00a0 parte \u00a0 de \u00a0 la \u00a0 autoridad \u00a0ambiental\/CODIGO \u00a0 \u00a0 \u00a0 DE \u00a0 \u00a0 \u00a0MINAS-Autorizaci\u00f3n \u00a0 para \u00a0 uso \u00a0 ocasional \u00a0o \u00a0transitorio \u00a0de \u00a0recursos \u00a0naturales \u00a0 renovables \u00a0 en \u00a0 zonas \u00a0de \u00a0exploraci\u00f3n \u00a0minera \u00a0debe \u00a0atender \u00a0la \u00a0protecci\u00f3n del medio ambiente y el desarrollo sostenible \u00a0\u00a0 La norma bajo examen (art\u00edculo 203 de la ley \u00a0685 ...<br \/><div class=\"pt-cv-rmwrap\"><a href=\"https:\/\/www.dmsjuridica.com\/buscador_20179478954\/corteconstitucionalcronologico202454587\/c-813-09\/\" class=\"_self pt-cv-readmore btn btn-success\" target=\"_self\">Ver Sentencia Completa...<\/a><\/div><\/div><\/div><\/div>\n<div class=\"col-md-12 col-sm-12 col-xs-12 pt-cv-content-item pt-cv-1-col\" ><div class='pt-cv-ifield'><a href=\"https:\/\/www.dmsjuridica.com\/buscador_20179478954\/corteconstitucionalcronologico202454587\/c-812-09\/\" class=\"_self pt-cv-href-thumbnail pt-cv-thumb-default\" target=\"_self\" ><\/a>\n<div class=\"pt-cv-taxoterm above_title\"><a href='https:\/\/www.dmsjuridica.com\/buscador_20179478954\/corteconstitucionalcronologico202454587\/category\/buscar-en-toda-la-corte\/2009\/sentencias-2009\/' title='Sentencias 2009' class='pt-cv-tax-sentencias-2009'>Sentencias 2009<\/a><\/div>\n<h4 class=\"pt-cv-title\"><a href=\"https:\/\/www.dmsjuridica.com\/buscador_20179478954\/corteconstitucionalcronologico202454587\/c-812-09\/\" class=\"_self\" target=\"_self\" >C-812-09<\/a><\/h4>\n<div class=\"pt-cv-content\">\u00a0 \u00a0 Sentencia C-812-09 \u00a0 (Noviembre 18, Bogot\u00e1 DC) \u00a0 REGIMEN \u00a0DE PROPIEDAD HORIZONTAL-Naturaleza \u00a0y \u00a0caracter\u00edsticas \u00a0de \u00a0la \u00a0persona \u00a0jur\u00eddica \u00a0que \u00a0se \u00a0constituye no vulnera la Constituci\u00f3n \u00a0\u00a0 PRINCIPIO \u00a0DE \u00a0UNIDAD \u00a0DE \u00a0MATERIA \u00a0EN LEY DE \u00a0REGIMEN \u00a0DE \u00a0PROPIEDAD \u00a0HORIZONTAL-No \u00a0violaci\u00f3n \u00a0por \u00a0incorporaci\u00f3n \u00a0de \u00a0norma \u00a0de \u00a0contenido \u00a0tributario \u00a0en \u00a0ley \u00a0de \u00a0car\u00e1cter \u00a0no \u00a0tributario \u00a0por conexidad tem\u00e1tica y sist\u00e9mica de contenidos con eje tem\u00e1tico \u00a0de la ley \u00a0\u00a0 Entre el tema general de la Ley 675 de 2001-el \u00a0r\u00e9gimen \u00a0de \u00a0propiedad \u00a0horizontal-\u00a0 \u00a0y \u00a0el \u00a0contenido \u00a0de la disposici\u00f3n \u00a0demandada \u00a0-su art\u00edculo 33- existe una relaci\u00f3n \u201cobjetiva y razonable\u201d, en \u00a0virtud ...<br \/><div class=\"pt-cv-rmwrap\"><a href=\"https:\/\/www.dmsjuridica.com\/buscador_20179478954\/corteconstitucionalcronologico202454587\/c-812-09\/\" class=\"_self pt-cv-readmore btn btn-success\" target=\"_self\">Ver Sentencia Completa...<\/a><\/div><\/div><\/div><\/div>\n<div class=\"col-md-12 col-sm-12 col-xs-12 pt-cv-content-item pt-cv-1-col\" ><div class='pt-cv-ifield'><a href=\"https:\/\/www.dmsjuridica.com\/buscador_20179478954\/corteconstitucionalcronologico202454587\/c-807-09\/\" class=\"_self pt-cv-href-thumbnail pt-cv-thumb-default\" target=\"_self\" ><\/a>\n<div class=\"pt-cv-taxoterm above_title\"><a href='https:\/\/www.dmsjuridica.com\/buscador_20179478954\/corteconstitucionalcronologico202454587\/category\/buscar-en-toda-la-corte\/2009\/sentencias-2009\/' title='Sentencias 2009' class='pt-cv-tax-sentencias-2009'>Sentencias 2009<\/a><\/div>\n<h4 class=\"pt-cv-title\"><a href=\"https:\/\/www.dmsjuridica.com\/buscador_20179478954\/corteconstitucionalcronologico202454587\/c-807-09\/\" class=\"_self\" target=\"_self\" >C-807-09<\/a><\/h4>\n<div class=\"pt-cv-content\">\u00a0 \u00a0 Sentencia C-807-09 \u00a0 RECHAZO \u00a0DE \u00a0PLANO DE LA DEMANDA POR FALTA DE \u00a0JURISDICCION \u00a0EN \u00a0EL \u00a0AMBITO \u00a0CIVIL-Impone \u00a0una \u00a0carga \u00a0irrazonable y desproporcionada al demandante \u00a0\u00a0 DERECHO \u00a0DE \u00a0ACCESO \u00a0A \u00a0LA \u00a0JUSTICIA \u00a0EN \u00a0LA \u00a0JURISDICCION \u00a0 \u00a0CIVIL-Se \u00a0 \u00a0limita \u00a0 irrazonable \u00a0 y \u00a0desproporcionadamente \u00a0 \u00a0por \u00a0 \u00a0rechazo \u00a0 \u00a0de \u00a0 \u00a0la \u00a0 demanda \u00a0 por \u00a0 falta \u00a0 de \u00a0jurisdicci\u00f3n \u00a0\u00a0 Si bien el art\u00edculo 85 del CPC establece que \u00a0el \u00a0 juez \u00a0\u2018rechazar\u00e1 \u00a0de \u00a0plano \u00a0la \u00a0demanda\u2019 en dos \u00a0grupos \u00a0 de \u00a0 causales, \u00a0 la \u00a0primera \u00a0cuando \u00a0el \u00a0juez\u00a0 \u00a0(i) \u00a0\u2018carezca \u00a0 de \u00a0 jurisdicci\u00f3n \u00a0 ...<br \/><div class=\"pt-cv-rmwrap\"><a href=\"https:\/\/www.dmsjuridica.com\/buscador_20179478954\/corteconstitucionalcronologico202454587\/c-807-09\/\" class=\"_self pt-cv-readmore btn btn-success\" target=\"_self\">Ver Sentencia Completa...<\/a><\/div><\/div><\/div><\/div>\n<div class=\"col-md-12 col-sm-12 col-xs-12 pt-cv-content-item pt-cv-1-col\" ><div class='pt-cv-ifield'><a href=\"https:\/\/www.dmsjuridica.com\/buscador_20179478954\/corteconstitucionalcronologico202454587\/c-806-09\/\" class=\"_self pt-cv-href-thumbnail pt-cv-thumb-default\" target=\"_self\" ><\/a>\n<div class=\"pt-cv-taxoterm above_title\"><a href='https:\/\/www.dmsjuridica.com\/buscador_20179478954\/corteconstitucionalcronologico202454587\/category\/buscar-en-toda-la-corte\/2009\/sentencias-2009\/' title='Sentencias 2009' class='pt-cv-tax-sentencias-2009'>Sentencias 2009<\/a><\/div>\n<h4 class=\"pt-cv-title\"><a href=\"https:\/\/www.dmsjuridica.com\/buscador_20179478954\/corteconstitucionalcronologico202454587\/c-806-09\/\" class=\"_self\" target=\"_self\" >C-806-09<\/a><\/h4>\n<div class=\"pt-cv-content\">\u00a0 \u00a0 Sentencia \u00a0 \u00a0 \u00a0 \u00a0 c-806-09 \u00a0\u00a0 ALLANAMIENTO Y REGISTRO DE DOMICILIO SIN ORDEN \u00a0JUDICAL-Excepci\u00f3n por consentimiento libre y expreso \u00a0del \u00a0 propietario \u00a0o \u00a0tenedor \u00a0del \u00a0bien \u00a0objeto \u00a0del \u00a0registro \u00a0no \u00a0vulnera \u00a0la \u00a0Constituci\u00f3n\/ALLANAMIENTO Y REGISTRO DE DOMICILIO SIN \u00a0ORDEN \u00a0 JUDICAL-Excepci\u00f3n \u00a0por \u00a0consentimiento \u00a0del \u00a0propietario o tenedor sujeta a control posterior \u00a0\u00a0 El numeral 1 del art\u00edculo 230 de la Ley 906 \u00a0de \u00a02004, consagra una de las excepciones a la formalidad de la orden escrita de \u00a0la \u00a0Fiscal\u00eda General de la Naci\u00f3n como condici\u00f3n previa a la realizaci\u00f3n del \u00a0allanamiento, \u00a0que prev\u00e9 la autorizaci\u00f3n expresa del ...<br \/><div class=\"pt-cv-rmwrap\"><a href=\"https:\/\/www.dmsjuridica.com\/buscador_20179478954\/corteconstitucionalcronologico202454587\/c-806-09\/\" class=\"_self pt-cv-readmore btn btn-success\" target=\"_self\">Ver Sentencia Completa...<\/a><\/div><\/div><\/div><\/div>\n<div class=\"col-md-12 col-sm-12 col-xs-12 pt-cv-content-item pt-cv-1-col\" ><div class='pt-cv-ifield'><a href=\"https:\/\/www.dmsjuridica.com\/buscador_20179478954\/corteconstitucionalcronologico202454587\/c-805-09\/\" class=\"_self pt-cv-href-thumbnail pt-cv-thumb-default\" target=\"_self\" ><\/a>\n<div class=\"pt-cv-taxoterm above_title\"><a href='https:\/\/www.dmsjuridica.com\/buscador_20179478954\/corteconstitucionalcronologico202454587\/category\/buscar-en-toda-la-corte\/2009\/sentencias-2009\/' title='Sentencias 2009' class='pt-cv-tax-sentencias-2009'>Sentencias 2009<\/a><\/div>\n<h4 class=\"pt-cv-title\"><a href=\"https:\/\/www.dmsjuridica.com\/buscador_20179478954\/corteconstitucionalcronologico202454587\/c-805-09\/\" class=\"_self\" target=\"_self\" >C-805-09<\/a><\/h4>\n<div class=\"pt-cv-content\">\u00a0 \u00a0 Sentencia C-805-09 \u00a0 INHIBICION \u00a0 \u00a0 \u00a0DE \u00a0 \u00a0 \u00a0LA \u00a0 \u00a0 \u00a0CORTE \u00a0CONSTITUCIONAL-Ineptitud \u00a0 \u00a0 sustantiva \u00a0 \u00a0de \u00a0 \u00a0la \u00a0demanda \u00a0\u00a0 CONTROL \u00a0DE \u00a0CONSTITUCIONALIDAD \u00a0DE \u00a0OMISION \u00a0LEGISLATIVA \u00a0 \u00a0 RELATIVA-Requisitos \u00a0 \u00a0 para \u00a0 \u00a0 la \u00a0procedencia \u00a0\u00a0 INHIBICION \u00a0DE \u00a0LA \u00a0CORTE \u00a0CONSTITUCIONAL \u00a0EN \u00a0DEMANDA \u00a0 POR \u00a0 OMISION \u00a0LEGISLATIVA \u00a0EN \u00a0LEY \u00a0QUE \u00a0ESTABLECE \u00a0LA \u00a0LICENCIA \u00a0POR \u00a0LUTO-Falta de argumentaci\u00f3n \u00a0\u00a0 DEMANDA \u00a0 DE \u00a0 INCONSTITUCIONALIDAD \u00a0 POR \u00a0VULNERACION \u00a0DEL \u00a0PRINCIPIO DE IGUALDAD-Deficiencias en \u00a0la formulaci\u00f3n del cargo \u00a0\u00a0 La Corte ha se\u00f1alado que cuando se atribuye a \u00a0una \u00a0norma la posible violaci\u00f3n del principio de ...<br \/><div class=\"pt-cv-rmwrap\"><a href=\"https:\/\/www.dmsjuridica.com\/buscador_20179478954\/corteconstitucionalcronologico202454587\/c-805-09\/\" class=\"_self pt-cv-readmore btn btn-success\" target=\"_self\">Ver Sentencia Completa...<\/a><\/div><\/div><\/div><\/div>\n<div class=\"col-md-12 col-sm-12 col-xs-12 pt-cv-content-item pt-cv-1-col\" ><div class='pt-cv-ifield'><a href=\"https:\/\/www.dmsjuridica.com\/buscador_20179478954\/corteconstitucionalcronologico202454587\/c-804-09\/\" class=\"_self pt-cv-href-thumbnail pt-cv-thumb-default\" target=\"_self\" ><\/a>\n<div class=\"pt-cv-taxoterm above_title\"><a href='https:\/\/www.dmsjuridica.com\/buscador_20179478954\/corteconstitucionalcronologico202454587\/category\/buscar-en-toda-la-corte\/2009\/sentencias-2009\/' title='Sentencias 2009' class='pt-cv-tax-sentencias-2009'>Sentencias 2009<\/a><\/div>\n<h4 class=\"pt-cv-title\"><a href=\"https:\/\/www.dmsjuridica.com\/buscador_20179478954\/corteconstitucionalcronologico202454587\/c-804-09\/\" class=\"_self\" target=\"_self\" >C-804-09<\/a><\/h4>\n<div class=\"pt-cv-content\">\u00a0 \u00a0 Sentencia C-804-09 \u00a0 ADOPCION-Requisito de \u00a0idoneidad \u00a0f\u00edsica \u00a0responde \u00a0a \u00a0fin \u00a0constitucionalmente leg\u00edtimo\/ADOPCION-Requisito \u00a0de \u00a0idoneidad \u00a0f\u00edsica \u00a0debe \u00a0ser \u00a0evaluado \u00a0junto \u00a0con los dem\u00e1s factores de idoneidad exigidos por la \u00a0ley \u00a0\u00a0 ADOPCION-Requisitos \u00a0de idoneidad \u00a0\u00a0 ADOPCION-Objetivo \u00a0primordial \u00a0\u00a0 La \u00a0adopci\u00f3n persigue el objetivo primordial \u00a0de \u00a0garantizar \u00a0al \u00a0menor \u00a0que \u00a0no \u00a0puede ser cuidado por sus propios padres, el \u00a0derecho \u00a0 a \u00a0 integrar \u00a0 de \u00a0 manera \u00a0 permanente \u00a0e \u00a0irreversible, \u00a0un \u00a0n\u00facleo \u00a0familiar. \u00a0\u00a0 DISCAPACIDAD-Concepciones\/DISCAPACIDAD-Modelos \u00a0en \u00a0los \u00a0que \u00a0se traducen los prejuicios sociales hacia las \u00a0personas con discapacidad \u00a0\u00a0 A \u00a0lo largo de la historia, las personas con ...<br \/><div class=\"pt-cv-rmwrap\"><a href=\"https:\/\/www.dmsjuridica.com\/buscador_20179478954\/corteconstitucionalcronologico202454587\/c-804-09\/\" class=\"_self pt-cv-readmore btn btn-success\" target=\"_self\">Ver Sentencia Completa...<\/a><\/div><\/div><\/div><\/div>\n<div class=\"col-md-12 col-sm-12 col-xs-12 pt-cv-content-item pt-cv-1-col\" ><div class='pt-cv-ifield'><a href=\"https:\/\/www.dmsjuridica.com\/buscador_20179478954\/corteconstitucionalcronologico202454587\/c-803-09\/\" class=\"_self pt-cv-href-thumbnail pt-cv-thumb-default\" target=\"_self\" ><\/a>\n<div class=\"pt-cv-taxoterm above_title\"><a href='https:\/\/www.dmsjuridica.com\/buscador_20179478954\/corteconstitucionalcronologico202454587\/category\/buscar-en-toda-la-corte\/2009\/sentencias-2009\/' title='Sentencias 2009' class='pt-cv-tax-sentencias-2009'>Sentencias 2009<\/a><\/div>\n<h4 class=\"pt-cv-title\"><a href=\"https:\/\/www.dmsjuridica.com\/buscador_20179478954\/corteconstitucionalcronologico202454587\/c-803-09\/\" class=\"_self\" target=\"_self\" >C-803-09<\/a><\/h4>\n<div class=\"pt-cv-content\">\u00a0 \u00a0 Sentencia \u00a0C-803-09 \u00a0\u00a0 FONDOS \u00a0 \u00a0 DE \u00a0 \u00a0EMPLEADOS-Exigencia \u00a0 de \u00a0 v\u00ednculo \u00a0 com\u00fan \u00a0 relacionado \u00a0con \u00a0la \u00a0actividad \u00a0econ\u00f3mica \u00a0de \u00a0las \u00a0instituciones \u00a0o \u00a0empresas \u00a0de \u00a0los asociados no vulnera el \u00a0derecho de asociaci\u00f3n \u00a0\u00a0 La exigencia normativa seg\u00fan la cual en caso \u00a0de \u00a0pertenecer \u00a0a \u00a0distintas \u00a0empresas, \u00a0tales \u00a0entidades \u00a0deber\u00e1n, \u00a0al \u00a0menos, \u00a0desarrollar \u00a0 un \u00a0 mismo \u00a0 tipo \u00a0de \u00a0actividad \u00a0econ\u00f3mica, \u00a0resulta \u00a0plenamente \u00a0justificada, \u00a0 pues \u00a0 dicha \u00a0 exigencia \u00a0 contribuye \u00a0 a \u00a0 la \u00a0 cohesi\u00f3n \u00a0y \u00a0al \u00a0fortalecimiento \u00a0interno \u00a0de \u00a0estas instituciones, al realzar la importancia que \u00a0en \u00a0ellas \u00a0tiene \u00a0el \u00a0v\u00ednculo ...<br \/><div class=\"pt-cv-rmwrap\"><a href=\"https:\/\/www.dmsjuridica.com\/buscador_20179478954\/corteconstitucionalcronologico202454587\/c-803-09\/\" class=\"_self pt-cv-readmore btn btn-success\" target=\"_self\">Ver Sentencia Completa...<\/a><\/div><\/div><\/div><\/div>\n<div class=\"col-md-12 col-sm-12 col-xs-12 pt-cv-content-item pt-cv-1-col\" ><div class='pt-cv-ifield'><a href=\"https:\/\/www.dmsjuridica.com\/buscador_20179478954\/corteconstitucionalcronologico202454587\/c-802-09\/\" class=\"_self pt-cv-href-thumbnail pt-cv-thumb-default\" target=\"_self\" ><\/a>\n<div class=\"pt-cv-taxoterm above_title\"><a href='https:\/\/www.dmsjuridica.com\/buscador_20179478954\/corteconstitucionalcronologico202454587\/category\/buscar-en-toda-la-corte\/2009\/sentencias-2009\/' title='Sentencias 2009' class='pt-cv-tax-sentencias-2009'>Sentencias 2009<\/a><\/div>\n<h4 class=\"pt-cv-title\"><a href=\"https:\/\/www.dmsjuridica.com\/buscador_20179478954\/corteconstitucionalcronologico202454587\/c-802-09\/\" class=\"_self\" target=\"_self\" >C-802-09<\/a><\/h4>\n<div class=\"pt-cv-content\">\u00a0 \u00a0 Sentencia C-802\/09 \u00a0 INHIBICION \u00a0 \u00a0 \u00a0DE \u00a0 \u00a0 \u00a0LA \u00a0 \u00a0 \u00a0CORTE \u00a0CONSTITUCIONAL-Incumplimiento \u00a0de \u00a0requisitos \u00a0de \u00a0la \u00a0demanda\/SENTENCIA \u00a0INHIBITORIA \u00a0POR \u00a0INEXISTENCIA \u00a0DE \u00a0PROPOSICION \u00a0JURIDICA \u00a0COMPLETA-Procedencia en demanda \u00a0por exclusi\u00f3n en la posibilidad de adoptar a parejas homosexuales \u00a0\u00a0 INHIBICION \u00a0 \u00a0 \u00a0DE \u00a0 \u00a0 \u00a0LA \u00a0 \u00a0 \u00a0CORTE \u00a0CONSTITUCIONAL-Ineptitud \u00a0 \u00a0 sustantiva \u00a0 \u00a0de \u00a0 \u00a0la \u00a0demanda \u00a0\u00a0 Referencia: expediente D-7415 \u00a0 Asunto: \u00a0 Demanda \u00a0de \u00a0inconstitucionalidad \u00a0contra \u00a0el \u00a0art\u00edculo \u00a068 \u00a0(parcial) \u00a0de la Ley 1098 de 2006 \u201cpor \u00a0la \u00a0cual \u00a0se \u00a0expide \u00a0el C\u00f3digo de la Infancia y la Adolescencia\u201d \u00a0y \u00a0contra \u00a0el \u00a0art\u00edculo \u00a01\u00ba \u00a0(parcial) ...<br \/><div class=\"pt-cv-rmwrap\"><a href=\"https:\/\/www.dmsjuridica.com\/buscador_20179478954\/corteconstitucionalcronologico202454587\/c-802-09\/\" class=\"_self pt-cv-readmore btn btn-success\" target=\"_self\">Ver Sentencia Completa...<\/a><\/div><\/div><\/div><\/div>\n<div class=\"col-md-12 col-sm-12 col-xs-12 pt-cv-content-item pt-cv-1-col\" ><div class='pt-cv-ifield'><a href=\"https:\/\/www.dmsjuridica.com\/buscador_20179478954\/corteconstitucionalcronologico202454587\/c-801-09\/\" class=\"_self pt-cv-href-thumbnail pt-cv-thumb-default\" target=\"_self\" ><\/a>\n<div class=\"pt-cv-taxoterm above_title\"><a href='https:\/\/www.dmsjuridica.com\/buscador_20179478954\/corteconstitucionalcronologico202454587\/category\/buscar-en-toda-la-corte\/2009\/sentencias-2009\/' title='Sentencias 2009' class='pt-cv-tax-sentencias-2009'>Sentencias 2009<\/a><\/div>\n<h4 class=\"pt-cv-title\"><a href=\"https:\/\/www.dmsjuridica.com\/buscador_20179478954\/corteconstitucionalcronologico202454587\/c-801-09\/\" class=\"_self\" target=\"_self\" >C-801-09<\/a><\/h4>\n<div class=\"pt-cv-content\">\u00a0 \u00a0 Sentencia C-801\/09 \u00a0 CONTROL \u00a0DE \u00a0CONSTITUCIONALIDAD \u00a0DE REGLAS DE \u00a0PROCEDIMIENTO \u00a0Y \u00a0PRUEBA \u00a0Y \u00a0LOS \u00a0ELEMENTOS \u00a0DE \u00a0LOS \u00a0CRIMENES DE LA CORTE PENAL \u00a0INTERNACIONAL-Alcance de la competencia \u00a0\u00a0 CONTROL \u00a0DE \u00a0CONSTITUCIONALIDAD \u00a0DE \u00a0TRATADO \u00a0INTERNACIONAL \u00a0 \u00a0 \u00a0 \u00a0 \u00a0 \u00a0 Y \u00a0 \u00a0 \u00a0 \u00a0 \u00a0 \u00a0 LEY \u00a0 \u00a0 \u00a0 \u00a0 \u00a0 \u00a0 APROBATORIA-Caracter\u00edsticas \u00a0\u00a0 El \u00a0control \u00a0de \u00a0constitucionalidad \u00a0que debe \u00a0llevar \u00a0a \u00a0cabo \u00a0la \u00a0Corte\u00a0 \u00a0sobre los tratados internacionales y sus leyes \u00a0aprobatorias, \u00a0presenta \u00a0unas \u00a0caracter\u00edsticas \u00a0especiales, \u00a0entre \u00a0las \u00a0que se \u00a0destacan \u00a0las \u00a0siguientes: \u00a0(i) es previo al perfeccionamiento del tratado, pero \u00a0posterior \u00a0a la expedici\u00f3n de ...<br \/><div class=\"pt-cv-rmwrap\"><a href=\"https:\/\/www.dmsjuridica.com\/buscador_20179478954\/corteconstitucionalcronologico202454587\/c-801-09\/\" class=\"_self pt-cv-readmore btn btn-success\" target=\"_self\">Ver Sentencia Completa...<\/a><\/div><\/div><\/div><\/div>\n<div class=\"col-md-12 col-sm-12 col-xs-12 pt-cv-content-item pt-cv-1-col\" ><div class='pt-cv-ifield'><a href=\"https:\/\/www.dmsjuridica.com\/buscador_20179478954\/corteconstitucionalcronologico202454587\/c-795-09\/\" class=\"_self pt-cv-href-thumbnail pt-cv-thumb-default\" target=\"_self\" ><\/a>\n<div class=\"pt-cv-taxoterm above_title\"><a href='https:\/\/www.dmsjuridica.com\/buscador_20179478954\/corteconstitucionalcronologico202454587\/category\/buscar-en-toda-la-corte\/2009\/sentencias-2009\/' title='Sentencias 2009' class='pt-cv-tax-sentencias-2009'>Sentencias 2009<\/a><\/div>\n<h4 class=\"pt-cv-title\"><a href=\"https:\/\/www.dmsjuridica.com\/buscador_20179478954\/corteconstitucionalcronologico202454587\/c-795-09\/\" class=\"_self\" target=\"_self\" >C-795-09<\/a><\/h4>\n<div class=\"pt-cv-content\">PROCESO \u00a0DE \u00a0RENOVACION \u00a0DE LA ADMINISTRACION \u00a0PUBLICA-L\u00edmite \u00a0temporal para la supresi\u00f3n de cargos \u00a0y \u00a0terminaci\u00f3n de relaciones laborales no vulnera la Constituci\u00f3n\/LIQUIDACION \u00a0 DE \u00a0 ENTIDADES \u00a0 DE \u00a0 LA \u00a0 RAMA \u00a0EJECUTIVA \u00a0DEL \u00a0ORDEN \u00a0NACIONAL-Supresi\u00f3n \u00a0 de \u00a0cargos \u00a0y \u00a0terminaci\u00f3n \u00a0de \u00a0relaciones laborales con sujeci\u00f3n al r\u00e9gimen legal aplicable \u00a0\u00a0 El\u00a0 \u00a0inciso \u00a02\u00b0 del art\u00edculo 8\u00b0 de la \u00a0Ley \u00a01105 \u00a0de \u00a02006, que forma parte de una regulaci\u00f3n cuyo prop\u00f3sito es el de \u00a0establecer \u00a0procedimientos para la liquidaci\u00f3n de entidades p\u00fablicas del orden \u00a0nacional, \u00a0establece \u00a0como \u00a0l\u00edmite \u00a0temporal \u00a0para \u00a0la supresi\u00f3n de los cargos \u00a0existentes \u00a0y \u00a0la \u00a0terminaci\u00f3n \u00a0de ...<br \/><div class=\"pt-cv-rmwrap\"><a href=\"https:\/\/www.dmsjuridica.com\/buscador_20179478954\/corteconstitucionalcronologico202454587\/c-795-09\/\" class=\"_self pt-cv-readmore btn btn-success\" target=\"_self\">Ver Sentencia Completa...<\/a><\/div><\/div><\/div><\/div>\n<div class=\"col-md-12 col-sm-12 col-xs-12 pt-cv-content-item pt-cv-1-col\" ><div class='pt-cv-ifield'><a href=\"https:\/\/www.dmsjuridica.com\/buscador_20179478954\/corteconstitucionalcronologico202454587\/c-794-09\/\" class=\"_self pt-cv-href-thumbnail pt-cv-thumb-default\" target=\"_self\" ><\/a>\n<div class=\"pt-cv-taxoterm above_title\"><a href='https:\/\/www.dmsjuridica.com\/buscador_20179478954\/corteconstitucionalcronologico202454587\/category\/buscar-en-toda-la-corte\/2009\/sentencias-2009\/' title='Sentencias 2009' class='pt-cv-tax-sentencias-2009'>Sentencias 2009<\/a><\/div>\n<h4 class=\"pt-cv-title\"><a href=\"https:\/\/www.dmsjuridica.com\/buscador_20179478954\/corteconstitucionalcronologico202454587\/c-794-09\/\" class=\"_self\" target=\"_self\" >C-794-09<\/a><\/h4>\n<div class=\"pt-cv-content\">\u00a0 \u00a0 Sentencia C-794-09 \u00a0 DEMANDA \u00a0DE \u00a0INCONSTITUCIONALIDAD-Naturaleza\/DEMANDA \u00a0 \u00a0 \u00a0 \u00a0 \u00a0 DE \u00a0INCONSTITUCIONALIDAD-Interpretaci\u00f3n \u00a0\u00a0 Si bien el demandante considera que al ejercer \u00a0las \u00a0facultades extraordinarias concedidas, el ejecutivo incurri\u00f3 en exceso, ya \u00a0que, \u00a0en \u00a0su \u00a0criterio, la autorizaci\u00f3n prevista en la ley habilitante imped\u00eda \u00a0establecer \u00a0requisitos \u00a0o condiciones m\u00e1s desfavorables que las establecidas en \u00a0la \u00a0Ley \u00a0100 \u00a0de \u00a01993, \u00a0en \u00a0tanto que el art\u00edculo 5\u00ba del Decreto 1282 de 1994 \u00a0dispuso \u00a0la \u00a0p\u00e9rdida \u00a0del \u00a0r\u00e9gimen \u00a0de \u00a0transici\u00f3n \u00a0respecto de los aviadores \u00a0civiles \u00a0que, \u00a0a 1\u00ba de abril de 1994, hab\u00edan cumplido el tiempo de cotizaci\u00f3n \u00a0o \u00a0de prestaci\u00f3n ...<br \/><div class=\"pt-cv-rmwrap\"><a href=\"https:\/\/www.dmsjuridica.com\/buscador_20179478954\/corteconstitucionalcronologico202454587\/c-794-09\/\" class=\"_self pt-cv-readmore btn btn-success\" target=\"_self\">Ver Sentencia Completa...<\/a><\/div><\/div><\/div><\/div>\n<div class=\"col-md-12 col-sm-12 col-xs-12 pt-cv-content-item pt-cv-1-col\" ><div class='pt-cv-ifield'><a href=\"https:\/\/www.dmsjuridica.com\/buscador_20179478954\/corteconstitucionalcronologico202454587\/c-793-09\/\" class=\"_self pt-cv-href-thumbnail pt-cv-thumb-default\" target=\"_self\" ><\/a>\n<div class=\"pt-cv-taxoterm above_title\"><a href='https:\/\/www.dmsjuridica.com\/buscador_20179478954\/corteconstitucionalcronologico202454587\/category\/buscar-en-toda-la-corte\/2009\/sentencias-2009\/' title='Sentencias 2009' class='pt-cv-tax-sentencias-2009'>Sentencias 2009<\/a><\/div>\n<h4 class=\"pt-cv-title\"><a href=\"https:\/\/www.dmsjuridica.com\/buscador_20179478954\/corteconstitucionalcronologico202454587\/c-793-09\/\" class=\"_self\" target=\"_self\" >C-793-09<\/a><\/h4>\n<div class=\"pt-cv-content\">\u00a0 \u00a0 Sentencia C-793-09 \u00a0 SENTENCIA \u00a0CONDICIONADA \u00a0EN \u00a0INFRACCIONES \u00a0DE \u00a0NORMAS \u00a0 \u00a0AMBIENTALES-Aplicaci\u00f3n \u00a0 \u00a0por \u00a0 \u00a0eventual \u00a0interpretaci\u00f3n \u00a0contraria a la constituci\u00f3n\/SENTENCIA \u00a0CONDICIONADA \u00a0 \u00a0 EN \u00a0 \u00a0 INFRACCIONES \u00a0 \u00a0DE \u00a0 \u00a0NORMAS \u00a0 \u00a0AMBIENTALES-Aplicaci\u00f3n \u00a0para la protecci\u00f3n de los derechos de los recicladores \u00a0informales de basura \u00a0\u00a0 Encuentra \u00a0la \u00a0Corte \u00a0que no obstante que las \u00a0disposiciones \u00a0demandadas obedecen a finalidades constitucionalmente leg\u00edtimas, \u00a0que \u00a0resultan \u00a0acordes \u00a0con \u00a0la \u00a0protecci\u00f3n \u00a0del medio ambiente, la convivencia \u00a0ciudadana \u00a0y la preservaci\u00f3n de la salud p\u00fablica, en tanto fomentan pr\u00e1cticas \u00a0de \u00a0recolecci\u00f3n, \u00a0manejo \u00a0y \u00a0disposici\u00f3n \u00a0de residuos s\u00f3lidos y escombros, de \u00a0acuerdo \u00a0con\u00a0 \u00a0est\u00e1ndares ...<br \/><div class=\"pt-cv-rmwrap\"><a href=\"https:\/\/www.dmsjuridica.com\/buscador_20179478954\/corteconstitucionalcronologico202454587\/c-793-09\/\" class=\"_self pt-cv-readmore btn btn-success\" target=\"_self\">Ver Sentencia Completa...<\/a><\/div><\/div><\/div><\/div>\n<div class=\"col-md-12 col-sm-12 col-xs-12 pt-cv-content-item pt-cv-1-col\" ><div class='pt-cv-ifield'><a href=\"https:\/\/www.dmsjuridica.com\/buscador_20179478954\/corteconstitucionalcronologico202454587\/c-788-09\/\" class=\"_self pt-cv-href-thumbnail pt-cv-thumb-default\" target=\"_self\" ><\/a>\n<div class=\"pt-cv-taxoterm above_title\"><a href='https:\/\/www.dmsjuridica.com\/buscador_20179478954\/corteconstitucionalcronologico202454587\/category\/buscar-en-toda-la-corte\/2009\/sentencias-2009\/' title='Sentencias 2009' class='pt-cv-tax-sentencias-2009'>Sentencias 2009<\/a><\/div>\n<h4 class=\"pt-cv-title\"><a href=\"https:\/\/www.dmsjuridica.com\/buscador_20179478954\/corteconstitucionalcronologico202454587\/c-788-09\/\" class=\"_self\" target=\"_self\" >C-788-09<\/a><\/h4>\n<div class=\"pt-cv-content\">\u00a0 \u00a0 Sentencia C-788-09 \u00a0 INHABILIDAD \u00a0DE CONTADOR PUBLICO POR EJERCICO \u00a0DE \u00a0LA \u00a0REVISORIA \u00a0FISCAL-Constituye \u00a0una restricci\u00f3n \u00a0razonable \u00a0y \u00a0justificada\/REVISORIA FISCAL-Ejercicio \u00a0 genera \u00a0 inhabilidad \u00a0restringida \u00a0y \u00a0temporal \u00a0para \u00a0el \u00a0contador p\u00fablico \u00a0\u00a0 El \u00a0art\u00edculo 48 de la Ley 43 de 1990 se\u00f1ala \u00a0que \u00a0el \u00a0contador \u00a0p\u00fablico \u00a0que \u00a0ha \u00a0actuado como revisor fiscal de una persona \u00a0natural \u00a0o \u00a0jur\u00eddica, \u00a0no podr\u00e1 prestar a la misma sus servicios profesionales \u00a0como \u00a0asesor, \u00a0empleado o contratista durante un (1) a\u00f1o contado a partir de su \u00a0retiro \u00a0del \u00a0cargo, \u00a0lo \u00a0que constituye una inhabilidad para entablar relaciones \u00a0laborales \u00a0o \u00a0contractuales con las empresas o ...<br \/><div class=\"pt-cv-rmwrap\"><a href=\"https:\/\/www.dmsjuridica.com\/buscador_20179478954\/corteconstitucionalcronologico202454587\/c-788-09\/\" class=\"_self pt-cv-readmore btn btn-success\" target=\"_self\">Ver Sentencia Completa...<\/a><\/div><\/div><\/div><\/div>\n<div class=\"col-md-12 col-sm-12 col-xs-12 pt-cv-content-item pt-cv-1-col\" ><div class='pt-cv-ifield'><a href=\"https:\/\/www.dmsjuridica.com\/buscador_20179478954\/corteconstitucionalcronologico202454587\/c-764-09\/\" class=\"_self pt-cv-href-thumbnail pt-cv-thumb-default\" target=\"_self\" ><\/a>\n<div class=\"pt-cv-taxoterm above_title\"><a href='https:\/\/www.dmsjuridica.com\/buscador_20179478954\/corteconstitucionalcronologico202454587\/category\/buscar-en-toda-la-corte\/2009\/sentencias-2009\/' title='Sentencias 2009' class='pt-cv-tax-sentencias-2009'>Sentencias 2009<\/a><\/div>\n<h4 class=\"pt-cv-title\"><a href=\"https:\/\/www.dmsjuridica.com\/buscador_20179478954\/corteconstitucionalcronologico202454587\/c-764-09\/\" class=\"_self\" target=\"_self\" >C-764-09<\/a><\/h4>\n<div class=\"pt-cv-content\">\u00a0 \u00a0 Sentencia \u00a0 \u00a0 \u00a0 \u00a0 C-764-09 \u00a0\u00a0 ACTO LEGISLATIVO DE INSCRIPCION EXTRAORDINARIA \u00a0EN CARRERA ADMINISTRATIVA SIN PREVIO CONCURSO \u00a0\u00a0 COSA \u00a0 JUZGADA \u00a0CONSTITUCIONAL-Configuraci\u00f3n \u00a0\u00a0 Referencia: \u00a0expedientes \u00a0D-7626, \u00a0D-7627 \u00a0y \u00a0D-7630 (acumulados) \u00a0\u00a0 Demanda de inconstitucionalidad en contra del \u00a0Acto Legislativo 01 de 2008. \u00a0\u00a0 Actor: \u00a0 \u00a0Leonardo \u00a0 Cuadrado \u00a0 Ar\u00e9valo \u00a0y otros \u00a0\u00a0 Magistrado Ponente: \u00a0 Dr. JORGE IGNACIO PRETELT CHALJUB \u00a0 Bogot\u00e1 \u00a0D. \u00a0C., veintinueve (29) de octubre dos mil nueve \u00a0(2009) \u00a0\u00a0 La \u00a0 \u00a0Sala \u00a0 \u00a0Plena \u00a0 \u00a0de \u00a0 \u00a0la \u00a0 \u00a0Corte \u00a0Constitucional, \u00a0conformada por los magistrados Nilson \u00a0Pinilla \u00a0Pinilla \u00a0-quien \u00a0la \u00a0preside-, \u00a0Maria ...<br \/><div class=\"pt-cv-rmwrap\"><a href=\"https:\/\/www.dmsjuridica.com\/buscador_20179478954\/corteconstitucionalcronologico202454587\/c-764-09\/\" class=\"_self pt-cv-readmore btn btn-success\" target=\"_self\">Ver Sentencia Completa...<\/a><\/div><\/div><\/div><\/div>\n<div class=\"col-md-12 col-sm-12 col-xs-12 pt-cv-content-item pt-cv-1-col\" ><div class='pt-cv-ifield'><a href=\"https:\/\/www.dmsjuridica.com\/buscador_20179478954\/corteconstitucionalcronologico202454587\/c-763-09\/\" class=\"_self pt-cv-href-thumbnail pt-cv-thumb-default\" target=\"_self\" ><\/a>\n<div class=\"pt-cv-taxoterm above_title\"><a href='https:\/\/www.dmsjuridica.com\/buscador_20179478954\/corteconstitucionalcronologico202454587\/category\/buscar-en-toda-la-corte\/2009\/sentencias-2009\/' title='Sentencias 2009' class='pt-cv-tax-sentencias-2009'>Sentencias 2009<\/a><\/div>\n<h4 class=\"pt-cv-title\"><a href=\"https:\/\/www.dmsjuridica.com\/buscador_20179478954\/corteconstitucionalcronologico202454587\/c-763-09\/\" class=\"_self\" target=\"_self\" >C-763-09<\/a><\/h4>\n<div class=\"pt-cv-content\">\u00a0 \u00a0 Sentencia C-763-09 \u00a0 PRINCIPIO \u00a0 PRO \u00a0 ACTIONE \u00a0 EN \u00a0DEMANDA \u00a0DE \u00a0INCONSTITUCIONALIDAD-Aplicaci\u00f3n \u00a0\u00a0 COSA \u00a0 JUZGADA \u00a0CONSTITUCIONAL-Inexistencia \u00a0\u00a0 La \u00a0Corte concluye que en el caso bajo examen \u00a0no \u00a0se \u00a0presenta \u00a0el \u00a0fen\u00f3meno \u00a0de \u00a0la \u00a0cosa juzgada constitucional frente a lo \u00a0decidido \u00a0en \u00a0la \u00a0sentencia \u00a0C-1193 \u00a0de 2008, puesto que en dicha oportunidad el \u00a0pronunciamiento \u00a0recay\u00f3 \u00a0sobre \u00a0la una expresi\u00f3n contenida en el art\u00edculo 106 \u00a0de \u00a0la \u00a0Ley \u00a0734 \u00a0de \u00a02002 por el supuesto desconocimiento del derecho al debido \u00a0proceso \u00a0de \u00a0los \u00a0disciplinados \u00a0ausentes de la audiencia puesto que, a pesar de \u00a0esta \u00a0situaci\u00f3n, \u00a0se \u00a0entend\u00edan \u00a0notificados \u00a0de ...<br \/><div class=\"pt-cv-rmwrap\"><a href=\"https:\/\/www.dmsjuridica.com\/buscador_20179478954\/corteconstitucionalcronologico202454587\/c-763-09\/\" class=\"_self pt-cv-readmore btn btn-success\" target=\"_self\">Ver Sentencia Completa...<\/a><\/div><\/div><\/div><\/div>\n<div class=\"col-md-12 col-sm-12 col-xs-12 pt-cv-content-item pt-cv-1-col\" ><div class='pt-cv-ifield'><a href=\"https:\/\/www.dmsjuridica.com\/buscador_20179478954\/corteconstitucionalcronologico202454587\/c-762-09\/\" class=\"_self pt-cv-href-thumbnail pt-cv-thumb-default\" target=\"_self\" ><\/a>\n<div class=\"pt-cv-taxoterm above_title\"><a href='https:\/\/www.dmsjuridica.com\/buscador_20179478954\/corteconstitucionalcronologico202454587\/category\/buscar-en-toda-la-corte\/2009\/sentencias-2009\/' title='Sentencias 2009' class='pt-cv-tax-sentencias-2009'>Sentencias 2009<\/a><\/div>\n<h4 class=\"pt-cv-title\"><a href=\"https:\/\/www.dmsjuridica.com\/buscador_20179478954\/corteconstitucionalcronologico202454587\/c-762-09\/\" class=\"_self\" target=\"_self\" >C-762-09<\/a><\/h4>\n<div class=\"pt-cv-content\">\u00a0 \u00a0 Sentencia \u00a0C-762-09 \u00a0\u00a0 DEMANDA \u00a0DE INCONSTITUCIONALIDAD-Admisi\u00f3n \u00a0 \u00a0 \u00a0 \u00a0 \u00a0por \u00a0 \u00a0 \u00a0 \u00a0 eventual \u00a0 \u00a0 \u00a0 \u00a0 inconstitucionalidad \u00a0sobreviniente\/RECURSO \u00a0DE \u00a0SUPLICA \u00a0CONTRA \u00a0RECHAZO DE \u00a0DEMANDA \u00a0DE \u00a0INCONSTITUCIONALIDAD-Procedencia frente a \u00a0cambios \u00a0por \u00a0separaci\u00f3n \u00a0de \u00a0funciones \u00a0de \u00a0investigaci\u00f3n y\u00a0 juzgamiento \u00a0prevista en Acto Legislativo 03 de 2002 \u00a0\u00a0 Si \u00a0bien \u00a0inicialmente la demanda hab\u00eda sido \u00a0rechazada \u00a0en raz\u00f3n a que mediante Sentencia C-259 de 1995 esta Corporaci\u00f3n se \u00a0pronunci\u00f3 \u00a0sobre \u00a0la constitucionalidad de los mismos preceptos ahora acusados, \u00a0declar\u00e1ndolos \u00a0exequibles \u00a0conforme \u00a0al \u00a0mismo \u00a0cargo \u00a0propuesto, \u00a0a \u00a0saber, la \u00a0posible \u00a0vulneraci\u00f3n \u00a0del \u00a0art\u00edculo \u00a029 \u00a0constitucional, \u00a0el\u00a0 \u00a0recurso de ...<br \/><div class=\"pt-cv-rmwrap\"><a href=\"https:\/\/www.dmsjuridica.com\/buscador_20179478954\/corteconstitucionalcronologico202454587\/c-762-09\/\" class=\"_self pt-cv-readmore btn btn-success\" target=\"_self\">Ver Sentencia Completa...<\/a><\/div><\/div><\/div><\/div>\n<div class=\"col-md-12 col-sm-12 col-xs-12 pt-cv-content-item pt-cv-1-col\" ><div class='pt-cv-ifield'><a href=\"https:\/\/www.dmsjuridica.com\/buscador_20179478954\/corteconstitucionalcronologico202454587\/c-761-09\/\" class=\"_self pt-cv-href-thumbnail pt-cv-thumb-default\" target=\"_self\" ><\/a>\n<div class=\"pt-cv-taxoterm above_title\"><a href='https:\/\/www.dmsjuridica.com\/buscador_20179478954\/corteconstitucionalcronologico202454587\/category\/buscar-en-toda-la-corte\/2009\/sentencias-2009\/' title='Sentencias 2009' class='pt-cv-tax-sentencias-2009'>Sentencias 2009<\/a><\/div>\n<h4 class=\"pt-cv-title\"><a href=\"https:\/\/www.dmsjuridica.com\/buscador_20179478954\/corteconstitucionalcronologico202454587\/c-761-09\/\" class=\"_self\" target=\"_self\" >C-761-09<\/a><\/h4>\n<div class=\"pt-cv-content\">\u00a0 \u00a0 Sentencia C-761-09 \u00a0 INHIBICION \u00a0 \u00a0 \u00a0DE \u00a0 \u00a0 \u00a0LA \u00a0 \u00a0 \u00a0CORTE \u00a0CONSTITUCIONAL-Inescindible \u00a0unidad que impone demanda \u00a0conjunta de disposiciones \u00a0\u00a0 CONTROL \u00a0DE \u00a0CONSTITUCIONALIDAD-Consideraci\u00f3n \u00a0 de \u00a0disposiciones \u00a0en \u00a0conjunto \u00a0como \u00a0presupuesto \u00a0indispensable \u00a0\u00a0 ACCION \u00a0 \u00a0 \u00a0 \u00a0PUBLICA \u00a0 \u00a0 \u00a0 \u00a0DE \u00a0INCONSTITUCIONALIDAD-Naturaleza\/DEMANDA \u00a0DE INCONSTITUCIONALIDAD-Requisitos \u00a0\u00a0 La \u00a0acci\u00f3n \u00a0de \u00a0inconstitucionalidad \u00a0es \u00a0un \u00a0mecanismo \u00a0de \u00a0participaci\u00f3n \u00a0ciudadana, \u00a0de \u00a0car\u00e1cter \u00a0p\u00fablico, \u00a0destinada a \u00a0provocar \u00a0que \u00a0la Corte constitucional, como m\u00e1ximo \u00f3rgano de la jurisdicci\u00f3n \u00a0constitucional, \u00a0produzca \u00a0una \u00a0sentencia \u00a0con \u00a0efectos de cosa juzgada sobre un \u00a0cierto \u00a0problema jur\u00eddico planteado por el actor, relacionado con disposiciones \u00a0creadas \u00a0en \u00a0general \u00a0aunque ...<br \/><div class=\"pt-cv-rmwrap\"><a href=\"https:\/\/www.dmsjuridica.com\/buscador_20179478954\/corteconstitucionalcronologico202454587\/c-761-09\/\" class=\"_self pt-cv-readmore btn btn-success\" target=\"_self\">Ver Sentencia Completa...<\/a><\/div><\/div><\/div><\/div>\n<div class=\"col-md-12 col-sm-12 col-xs-12 pt-cv-content-item pt-cv-1-col\" ><div class='pt-cv-ifield'><a href=\"https:\/\/www.dmsjuridica.com\/buscador_20179478954\/corteconstitucionalcronologico202454587\/c-750-09\/\" class=\"_self pt-cv-href-thumbnail pt-cv-thumb-default\" target=\"_self\" ><\/a>\n<div class=\"pt-cv-taxoterm above_title\"><a href='https:\/\/www.dmsjuridica.com\/buscador_20179478954\/corteconstitucionalcronologico202454587\/category\/buscar-en-toda-la-corte\/2009\/sentencias-2009\/' title='Sentencias 2009' class='pt-cv-tax-sentencias-2009'>Sentencias 2009<\/a><\/div>\n<h4 class=\"pt-cv-title\"><a href=\"https:\/\/www.dmsjuridica.com\/buscador_20179478954\/corteconstitucionalcronologico202454587\/c-750-09\/\" class=\"_self\" target=\"_self\" >C-750-09<\/a><\/h4>\n<div class=\"pt-cv-content\">\u00a0 \u00a0 Sentencia C-750\/09 \u00a0 CONTROL \u00a0DE \u00a0CONSTITUCIONALIDAD \u00a0SOBRE \u00a0NORMA \u00a0SUBROGADA-Procedencia \u00a0 por \u00a0 continuar \u00a0 produciendo \u00a0efectos jur\u00eddicos \u00a0\u00a0 INHIBICION \u00a0DE \u00a0LA \u00a0CORTE \u00a0CONSTITUCIONAL POR \u00a0INEPTITUD \u00a0SUSTANTIVA \u00a0DE \u00a0LA DEMANDA-Situaci\u00f3n en que \u00a0mediante \u00a0escritos \u00a0similares \u00a0se \u00a0demandan \u00a0las \u00a0normas subrogada y subrogante, \u00a0habi\u00e9ndose determinado incumplimiento de requisitos \u00a0\u00a0 La demanda que en este proceso se analiza fue \u00a0instaurada \u00a0contra \u00a0una \u00a0norma \u00a0contenida \u00a0en \u00a0un \u00a0art\u00edculo \u00a0que ya hab\u00eda sido \u00a0subrogado, \u00a0en \u00a0el \u00a0que se presenta una situaci\u00f3n excepcional\u00edsima, por cuanto \u00a0el \u00a0mismo \u00a0actor \u00a0acudi\u00f3 \u00a0a \u00a0la \u00a0acci\u00f3n \u00a0p\u00fablica de inconstitucionalidad para \u00a0demandar, \u00a0con \u00a0un \u00a0escrito \u00a0casi \u00a0id\u00e9ntico, \u00a0primero \u00a0el ...<br \/><div class=\"pt-cv-rmwrap\"><a href=\"https:\/\/www.dmsjuridica.com\/buscador_20179478954\/corteconstitucionalcronologico202454587\/c-750-09\/\" class=\"_self pt-cv-readmore btn btn-success\" target=\"_self\">Ver Sentencia Completa...<\/a><\/div><\/div><\/div><\/div>\n<div class=\"col-md-12 col-sm-12 col-xs-12 pt-cv-content-item pt-cv-1-col\" ><div class='pt-cv-ifield'><a href=\"https:\/\/www.dmsjuridica.com\/buscador_20179478954\/corteconstitucionalcronologico202454587\/c-749-09\/\" class=\"_self pt-cv-href-thumbnail pt-cv-thumb-default\" target=\"_self\" ><\/a>\n<div class=\"pt-cv-taxoterm above_title\"><a href='https:\/\/www.dmsjuridica.com\/buscador_20179478954\/corteconstitucionalcronologico202454587\/category\/buscar-en-toda-la-corte\/2009\/sentencias-2009\/' title='Sentencias 2009' class='pt-cv-tax-sentencias-2009'>Sentencias 2009<\/a><\/div>\n<h4 class=\"pt-cv-title\"><a href=\"https:\/\/www.dmsjuridica.com\/buscador_20179478954\/corteconstitucionalcronologico202454587\/c-749-09\/\" class=\"_self\" target=\"_self\" >C-749-09<\/a><\/h4>\n<div class=\"pt-cv-content\">\u00a0 \u00a0 Sentencia \u00a0C-749-09 \u00a0\u00a0 CARRERA \u00a0 \u00a0 DE \u00a0 \u00a0 DERECHO-Pr\u00e1ctica \u00a0de \u00a0judicatura \u00a0al \u00a0servicio \u00a0de \u00a0ligas y asociaciones de \u00a0consumidores \u00a0\u00a0 INHIBICION \u00a0 \u00a0 \u00a0DE \u00a0 \u00a0 \u00a0LA \u00a0 \u00a0 \u00a0CORTE \u00a0CONSTITUCIONAL-Improcedencia \u00a0por existencia de cargos \u00a0de constitucionalidad y cumplimiento de requisitos \u00a0\u00a0 ABOGADO-Requisitos \u00a0para \u00a0concesi\u00f3n \u00a0de \u00a0grado \u00a0responden \u00a0a ponderaci\u00f3n entre libertad de escoger \u00a0profesi\u00f3n \u00a0u \u00a0oficio \u00a0y \u00a0protecci\u00f3n \u00a0de \u00a0autonom\u00eda universitaria\/ABOGADO-Exigencia de judicatura responde a \u00a0criterio de raz\u00f3n suficiente \u00a0\u00a0 La \u00a0exigencia, \u00a0por \u00a0parte del legislador, de \u00a0determinadas \u00a0condiciones para la concesi\u00f3n del grado de abogado se inscribe en \u00a0una \u00a0ponderaci\u00f3n \u00a0entre \u00a0la limitaci\u00f3n constitucional a ...<br \/><div class=\"pt-cv-rmwrap\"><a href=\"https:\/\/www.dmsjuridica.com\/buscador_20179478954\/corteconstitucionalcronologico202454587\/c-749-09\/\" class=\"_self pt-cv-readmore btn btn-success\" target=\"_self\">Ver Sentencia Completa...<\/a><\/div><\/div><\/div><\/div>\n<div class=\"col-md-12 col-sm-12 col-xs-12 pt-cv-content-item pt-cv-1-col\" ><div class='pt-cv-ifield'><a href=\"https:\/\/www.dmsjuridica.com\/buscador_20179478954\/corteconstitucionalcronologico202454587\/c-748-09\/\" class=\"_self pt-cv-href-thumbnail pt-cv-thumb-default\" target=\"_self\" ><\/a>\n<div class=\"pt-cv-taxoterm above_title\"><a href='https:\/\/www.dmsjuridica.com\/buscador_20179478954\/corteconstitucionalcronologico202454587\/category\/buscar-en-toda-la-corte\/2009\/sentencias-2009\/' title='Sentencias 2009' class='pt-cv-tax-sentencias-2009'>Sentencias 2009<\/a><\/div>\n<h4 class=\"pt-cv-title\"><a href=\"https:\/\/www.dmsjuridica.com\/buscador_20179478954\/corteconstitucionalcronologico202454587\/c-748-09\/\" class=\"_self\" target=\"_self\" >C-748-09<\/a><\/h4>\n<div class=\"pt-cv-content\">\u00a0 \u00a0 Sentencia C-748-09 \u00a0 Referencia: expediente D-7365 \u00a0 Demanda \u00a0de \u00a0inconstitucionalidad \u00a0contra \u00a0el \u00a0art\u00edculo \u00a0 \u00a0206 \u00a0 (parcial) \u00a0 del \u00a0 Estatuto \u00a0 Tributario \u00a0 (Decreto \u00a0 624 \u00a0 de \u00a01989). \u00a0\u00a0 Demandante: \u00a0 Jairo Jos\u00e9 Saade Cotes \u00a0 Conjuez Ponente: \u00a0 Dr. RODRIGO ESCOBAR GIL \u00a0 Bogot\u00e1 \u00a0D.C., \u00a0veinte (20) de octubre de dos \u00a0mil nueve (2009) \u00a0\u00a0 La \u00a0Corte \u00a0Constitucional, en cumplimiento de \u00a0sus \u00a0atribuciones \u00a0constitucionales y de los requisitos y tr\u00e1mites establecidos \u00a0en el Decreto 2067 de 1991, ha proferido la siguiente \u00a0\u00a0 I. ANTECEDENTES \u00a0 El \u00a02 \u00a0de \u00a0julio \u00a0de 2008, en ejercicio de la ...<br \/><div class=\"pt-cv-rmwrap\"><a href=\"https:\/\/www.dmsjuridica.com\/buscador_20179478954\/corteconstitucionalcronologico202454587\/c-748-09\/\" class=\"_self pt-cv-readmore btn btn-success\" target=\"_self\">Ver Sentencia Completa...<\/a><\/div><\/div><\/div><\/div>\n<div class=\"col-md-12 col-sm-12 col-xs-12 pt-cv-content-item pt-cv-1-col\" ><div class='pt-cv-ifield'><a href=\"https:\/\/www.dmsjuridica.com\/buscador_20179478954\/corteconstitucionalcronologico202454587\/c-729-09\/\" class=\"_self pt-cv-href-thumbnail pt-cv-thumb-default\" target=\"_self\" ><\/a>\n<div class=\"pt-cv-taxoterm above_title\"><a href='https:\/\/www.dmsjuridica.com\/buscador_20179478954\/corteconstitucionalcronologico202454587\/category\/buscar-en-toda-la-corte\/2009\/sentencias-2009\/' title='Sentencias 2009' class='pt-cv-tax-sentencias-2009'>Sentencias 2009<\/a><\/div>\n<h4 class=\"pt-cv-title\"><a href=\"https:\/\/www.dmsjuridica.com\/buscador_20179478954\/corteconstitucionalcronologico202454587\/c-729-09\/\" class=\"_self\" target=\"_self\" >C-729-09<\/a><\/h4>\n<div class=\"pt-cv-content\">\u00a0 \u00a0 Sentencia C-729-09 \u00a0 Referencia: expediente D-7674 \u00a0 Demanda \u00a0de \u00a0inconstitucionalidad \u00a0contra \u00a0el \u00a0art\u00edculo \u00a0 \u00a04\u00ba \u00a0 \u00a0de \u00a0 \u00a0la \u00a0 Ley \u00a0 6\u00aa \u00a0 de \u00a0 1991,\u00a0\u00a0 \u00a0 \u201cPor \u00a0 la \u00a0 cual \u00a0 se \u00a0 reglamenta \u00a0 la \u00a0especialidad \u00a0m\u00e9dica \u00a0de \u00a0anestesiolog\u00eda y se dictan otras disposiciones\u201d. \u00a0\u00a0 Actor: \u00a0 Luis \u00a0 Eli\u00e9cer \u00a0Bol\u00edvar \u00a0Espitia \u00a0\u00a0 Magistrado Ponente: \u00a0 Dr. JORGE IV\u00c1N PALACIO PALACIO \u00a0 Bogot\u00e1, D.C., catorce (14) de octubre de dos \u00a0mil nueve (2009) \u00a0\u00a0 La \u00a0Sala Plena de la Corte Constitucional, en \u00a0cumplimiento \u00a0de \u00a0sus \u00a0atribuciones \u00a0constitucionales \u00a0y \u00a0de \u00a0los \u00a0requisitos \u00a0y \u00a0tr\u00e1mite \u00a0 ...<br \/><div class=\"pt-cv-rmwrap\"><a href=\"https:\/\/www.dmsjuridica.com\/buscador_20179478954\/corteconstitucionalcronologico202454587\/c-729-09\/\" class=\"_self pt-cv-readmore btn btn-success\" target=\"_self\">Ver Sentencia Completa...<\/a><\/div><\/div><\/div><\/div>\n<div class=\"col-md-12 col-sm-12 col-xs-12 pt-cv-content-item pt-cv-1-col\" ><div class='pt-cv-ifield'><a href=\"https:\/\/www.dmsjuridica.com\/buscador_20179478954\/corteconstitucionalcronologico202454587\/c-728-09\/\" class=\"_self pt-cv-href-thumbnail pt-cv-thumb-default\" target=\"_self\" ><\/a>\n<div class=\"pt-cv-taxoterm above_title\"><a href='https:\/\/www.dmsjuridica.com\/buscador_20179478954\/corteconstitucionalcronologico202454587\/category\/buscar-en-toda-la-corte\/2009\/sentencias-2009\/' title='Sentencias 2009' class='pt-cv-tax-sentencias-2009'>Sentencias 2009<\/a><\/div>\n<h4 class=\"pt-cv-title\"><a href=\"https:\/\/www.dmsjuridica.com\/buscador_20179478954\/corteconstitucionalcronologico202454587\/c-728-09\/\" class=\"_self\" target=\"_self\" >C-728-09<\/a><\/h4>\n<div class=\"pt-cv-content\">\u00a0 \u00a0 Sentencia C-728-09 \u00a0 Referencia: Expediente D-7685 \u00a0 Demanda \u00a0de \u00a0inconstitucionalidad \u00a0contra \u00a0el \u00a0art\u00edculo 27 de la Ley 48 de 1993 \u00a0\u00a0 Demandantes: \u00a0 Gina \u00a0Cabarcas Mac\u00eda, Antonio Barreto Rozo y \u00a0Daniel Bonilla Maldonado \u00a0\u00a0 Magistrado Ponente: \u00a0 Dr. GABRIEL EDUARDO MENDOZA MARTELO \u00a0 Bogot\u00e1, \u00a0D.C., \u00a0catorce (14) de Octubre dos \u00a0mil nueve (2009) \u00a0\u00a0 SENTENCIA \u00a0\u00a0 I. \u00a0 \u00a0 \u00a0 \u00a0\u00a0 \u00a0ANTECEDENTES \u00a0\u00a0 En \u00a0 ejercicio \u00a0 de \u00a0la \u00a0acci\u00f3n \u00a0p\u00fablica \u00a0consagrada \u00a0en \u00a0el art\u00edculo 241 de la Constituci\u00f3n, la ciudadana Gina Cabarcas \u00a0Mac\u00eda, \u00a0y \u00a0los \u00a0ciudadanos \u00a0Antonio \u00a0Barreto \u00a0Rozo \u00a0y \u00a0Daniel Bonilla Maldonado \u00a0presentaron \u00a0demanda de inconstitucionalidad ...<br \/><div class=\"pt-cv-rmwrap\"><a href=\"https:\/\/www.dmsjuridica.com\/buscador_20179478954\/corteconstitucionalcronologico202454587\/c-728-09\/\" class=\"_self pt-cv-readmore btn btn-success\" target=\"_self\">Ver Sentencia Completa...<\/a><\/div><\/div><\/div><\/div>\n<div class=\"col-md-12 col-sm-12 col-xs-12 pt-cv-content-item pt-cv-1-col\" ><div class='pt-cv-ifield'><a href=\"https:\/\/www.dmsjuridica.com\/buscador_20179478954\/corteconstitucionalcronologico202454587\/c-727-09\/\" class=\"_self pt-cv-href-thumbnail pt-cv-thumb-default\" target=\"_self\" ><\/a>\n<div class=\"pt-cv-taxoterm above_title\"><a href='https:\/\/www.dmsjuridica.com\/buscador_20179478954\/corteconstitucionalcronologico202454587\/category\/buscar-en-toda-la-corte\/2009\/sentencias-2009\/' title='Sentencias 2009' class='pt-cv-tax-sentencias-2009'>Sentencias 2009<\/a><\/div>\n<h4 class=\"pt-cv-title\"><a href=\"https:\/\/www.dmsjuridica.com\/buscador_20179478954\/corteconstitucionalcronologico202454587\/c-727-09\/\" class=\"_self\" target=\"_self\" >C-727-09<\/a><\/h4>\n<div class=\"pt-cv-content\">\u00a0 \u00a0 Sentencia \u00a0 \u00a0 \u00a0 \u00a0 C-727-09 \u00a0\u00a0 COSA \u00a0 JUZGADA \u00a0CONSTITUCIONAL-Configuraci\u00f3n \u00a0\u00a0 REQUISITO \u00a0DE \u00a0SEMANAS \u00a0DE \u00a0COTIZACION \u00a0PARA \u00a0PENSION \u00a0DE \u00a0INVALIDEZ-Exigencia \u00a0para \u00a0quienes \u00a0hayan \u00a0alcanzado \u00a0el \u00a075% \u00a0de \u00a0las \u00a0semanas \u00a0requeridas \u00a0para \u00a0la pensi\u00f3n de vejez, no \u00a0constituye un retroceso en el nivel de protecci\u00f3n \u00a0\u00a0 El par\u00e1grafo 2\u00ba del art\u00edculo 1\u00ba de la Ley \u00a0860 \u00a0de 2003, establece una excepci\u00f3n a la regla fijada en los incisos 1 y 2 en \u00a0cuanto \u00a0al \u00a0n\u00famero \u00a0de semanas exigibles durante los tres a\u00f1os anteriores a la \u00a0estructuraci\u00f3n \u00a0de \u00a0la \u00a0invalidez, \u00a0y reduce de 50 a 25 la exigencia de ...<br \/><div class=\"pt-cv-rmwrap\"><a href=\"https:\/\/www.dmsjuridica.com\/buscador_20179478954\/corteconstitucionalcronologico202454587\/c-727-09\/\" class=\"_self pt-cv-readmore btn btn-success\" target=\"_self\">Ver Sentencia Completa...<\/a><\/div><\/div><\/div><\/div>\n<div class=\"col-md-12 col-sm-12 col-xs-12 pt-cv-content-item pt-cv-1-col\" ><div class='pt-cv-ifield'><a href=\"https:\/\/www.dmsjuridica.com\/buscador_20179478954\/corteconstitucionalcronologico202454587\/c-726-09\/\" class=\"_self pt-cv-href-thumbnail pt-cv-thumb-default\" target=\"_self\" ><\/a>\n<div class=\"pt-cv-taxoterm above_title\"><a href='https:\/\/www.dmsjuridica.com\/buscador_20179478954\/corteconstitucionalcronologico202454587\/category\/buscar-en-toda-la-corte\/2009\/sentencias-2009\/' title='Sentencias 2009' class='pt-cv-tax-sentencias-2009'>Sentencias 2009<\/a><\/div>\n<h4 class=\"pt-cv-title\"><a href=\"https:\/\/www.dmsjuridica.com\/buscador_20179478954\/corteconstitucionalcronologico202454587\/c-726-09\/\" class=\"_self\" target=\"_self\" >C-726-09<\/a><\/h4>\n<div class=\"pt-cv-content\">\u00a0 \u00a0 Sentencia C-726-09 \u00a0 INHIBICION \u00a0 \u00a0 \u00a0DE \u00a0 \u00a0 \u00a0LA \u00a0 \u00a0 \u00a0CORTE \u00a0CONSTITUCIONAL-Improcedencia \u00a0 por \u00a0 cumplimiento \u00a0de \u00a0requisito de pertinencia \u00a0\u00a0 Si bien la vista fiscal solicita que la Corte \u00a0emita \u00a0 un \u00a0 fallo \u00a0 inhibitorio \u00a0 por \u00a0 ineptitud \u00a0sustancial \u00a0de \u00a0la \u00a0demanda, \u00a0aduciendo\u00a0 \u00a0 que \u00a0 las \u00a0 razones \u00a0presentadas \u00a0para \u00a0explicar \u00a0la \u00a0presunta \u00a0inconstitucionalidad \u00a0de \u00a0las \u00a0disposiciones \u00a0acusadas no son \u201cpertinentes\u201d, \u00a0para \u00a0la Sala los cargos s\u00ed son de rango constitucional y son pertinentes, pues \u00a0ellos \u00a0plantean \u00a0que \u00a0las \u00a0normas \u00a0acusadas \u00a0desconocen la Constituci\u00f3n, porque \u00a0confieren \u00a0a \u00a0la \u00a0CNTV \u00a0la \u00a0facultad de ...<br \/><div class=\"pt-cv-rmwrap\"><a href=\"https:\/\/www.dmsjuridica.com\/buscador_20179478954\/corteconstitucionalcronologico202454587\/c-726-09\/\" class=\"_self pt-cv-readmore btn btn-success\" target=\"_self\">Ver Sentencia Completa...<\/a><\/div><\/div><\/div><\/div>\n<div class=\"col-md-12 col-sm-12 col-xs-12 pt-cv-content-item pt-cv-1-col\" ><div class='pt-cv-ifield'><a href=\"https:\/\/www.dmsjuridica.com\/buscador_20179478954\/corteconstitucionalcronologico202454587\/c-714-09\/\" class=\"_self pt-cv-href-thumbnail pt-cv-thumb-default\" target=\"_self\" ><\/a>\n<div class=\"pt-cv-taxoterm above_title\"><a href='https:\/\/www.dmsjuridica.com\/buscador_20179478954\/corteconstitucionalcronologico202454587\/category\/buscar-en-toda-la-corte\/2009\/sentencias-2009\/' title='Sentencias 2009' class='pt-cv-tax-sentencias-2009'>Sentencias 2009<\/a><\/div>\n<h4 class=\"pt-cv-title\"><a href=\"https:\/\/www.dmsjuridica.com\/buscador_20179478954\/corteconstitucionalcronologico202454587\/c-714-09\/\" class=\"_self\" target=\"_self\" >C-714-09<\/a><\/h4>\n<div class=\"pt-cv-content\">\u00a0 \u00a0 Sentencia C-714-09 \u00a0 IMPUESTO \u00a0 SOBRE \u00a0 LA \u00a0 RENTA-Deducci\u00f3n \u00a0 \u00a0por \u00a0 \u00a0inversiones \u00a0 \u00a0en \u00a0 \u00a0activos \u00a0 \u00a0fijos \u00a0 \u00a0reales \u00a0productivos \u00a0\u00a0 INHIBICION \u00a0 \u00a0 \u00a0DE \u00a0 \u00a0 \u00a0LA \u00a0 \u00a0 \u00a0CORTE \u00a0CONSTITUCIONAL-Improcedencia por configurarse un cargo \u00a0de inconstitucionalidad \u00a0\u00a0 Si \u00a0bien mediante Sentencia C-1140 de 2008 la \u00a0Corte \u00a0se \u00a0inhibi\u00f3 \u00a0de pronunciarse sobre el m\u00e9rito de una demanda interpuesta \u00a0por \u00a0el \u00a0actor, \u00a0contra \u00a0una de las expresiones que en esta oportunidad tambi\u00e9n \u00a0cuestiona, \u00a0y \u00a0por \u00a0argumentos \u00a0similares \u00a0a \u00a0los \u00a0ahora presentados, en aquella \u00a0ocasi\u00f3n \u00a0la \u00a0demanda \u00a0se \u00a0dirig\u00eda \u00a0contra \u00a0un \u00a0enunciado \u00a0que \u00a0no conten\u00eda la ...<br \/><div class=\"pt-cv-rmwrap\"><a href=\"https:\/\/www.dmsjuridica.com\/buscador_20179478954\/corteconstitucionalcronologico202454587\/c-714-09\/\" class=\"_self pt-cv-readmore btn btn-success\" target=\"_self\">Ver Sentencia Completa...<\/a><\/div><\/div><\/div><\/div>\n<div class=\"col-md-12 col-sm-12 col-xs-12 pt-cv-content-item pt-cv-1-col\" ><div class='pt-cv-ifield'><a href=\"https:\/\/www.dmsjuridica.com\/buscador_20179478954\/corteconstitucionalcronologico202454587\/c-713-09\/\" class=\"_self pt-cv-href-thumbnail pt-cv-thumb-default\" target=\"_self\" ><\/a>\n<div class=\"pt-cv-taxoterm above_title\"><a href='https:\/\/www.dmsjuridica.com\/buscador_20179478954\/corteconstitucionalcronologico202454587\/category\/buscar-en-toda-la-corte\/2009\/sentencias-2009\/' title='Sentencias 2009' class='pt-cv-tax-sentencias-2009'>Sentencias 2009<\/a><\/div>\n<h4 class=\"pt-cv-title\"><a href=\"https:\/\/www.dmsjuridica.com\/buscador_20179478954\/corteconstitucionalcronologico202454587\/c-713-09\/\" class=\"_self\" target=\"_self\" >C-713-09<\/a><\/h4>\n<div class=\"pt-cv-content\">\u00a0 \u00a0 Sentencia C-713-09 \u00a0 ACCION \u00a0 \u00a0 \u00a0 \u00a0PUBLICA \u00a0 \u00a0 \u00a0 \u00a0DE \u00a0INCONSTITUCIONALIDAD-Requisitos \u00a0 \u00a0 \u00a0 \u00a0 \u00a0 de \u00a0procedibilidad \u00a0\u00a0 En reiterada jurisprudencia esta Corporaci\u00f3n \u00a0ha \u00a0sostenido \u00a0que \u00a0para \u00a0que \u00a0exista \u00a0realmente \u00a0en \u00a0la \u00a0demanda \u00a0un \u00a0cargo \u00a0de \u00a0inconstitucionalidad, \u00a0es \u00a0indispensable que la Corte pueda efectuar a partir de \u00a0ellos \u00a0una \u00a0verdadera \u00a0confrontaci\u00f3n \u00a0entre \u00a0la \u00a0norma \u00a0acusada, los argumentos \u00a0expuestos \u00a0por \u00a0el \u00a0demandante \u00a0y \u00a0la \u00a0disposici\u00f3n constitucional supuestamente \u00a0vulnerada, \u00a0por \u00a0lo \u00a0que \u00a0resulta \u00a0necesario \u00a0que \u00a0los razonamientos presentados \u00a0contengan \u00a0unos \u00a0argumentos \u00a0m\u00ednimos \u00a0que \u00a0puedan \u00a0llevar a esta Corporaci\u00f3n a \u00a0desconfiar \u00a0de la constitucionalidad de la norma cuestionada, ...<br \/><div class=\"pt-cv-rmwrap\"><a href=\"https:\/\/www.dmsjuridica.com\/buscador_20179478954\/corteconstitucionalcronologico202454587\/c-713-09\/\" class=\"_self pt-cv-readmore btn btn-success\" target=\"_self\">Ver Sentencia Completa...<\/a><\/div><\/div><\/div><\/div>\n<div class=\"col-md-12 col-sm-12 col-xs-12 pt-cv-content-item pt-cv-1-col\" ><div class='pt-cv-ifield'><a href=\"https:\/\/www.dmsjuridica.com\/buscador_20179478954\/corteconstitucionalcronologico202454587\/c-712-09\/\" class=\"_self pt-cv-href-thumbnail pt-cv-thumb-default\" target=\"_self\" ><\/a>\n<div class=\"pt-cv-taxoterm above_title\"><a href='https:\/\/www.dmsjuridica.com\/buscador_20179478954\/corteconstitucionalcronologico202454587\/category\/buscar-en-toda-la-corte\/2009\/sentencias-2009\/' title='Sentencias 2009' class='pt-cv-tax-sentencias-2009'>Sentencias 2009<\/a><\/div>\n<h4 class=\"pt-cv-title\"><a href=\"https:\/\/www.dmsjuridica.com\/buscador_20179478954\/corteconstitucionalcronologico202454587\/c-712-09\/\" class=\"_self\" target=\"_self\" >C-712-09<\/a><\/h4>\n<div class=\"pt-cv-content\">\u00a0 \u00a0 Sentencia \u00a0C-712\/09 \u00a0\u00a0 INHIBICION \u00a0DE \u00a0LA \u00a0CORTE \u00a0CONSTITUCIONAL POR \u00a0INEPTITUD \u00a0SUSTANTIVA DE LA DEMANDA-Ausencia de certeza \u00a0en cargo de inconstitucionalidad \u00a0\u00a0 Referencia: expediente D- 7658 \u00a0 Demanda \u00a0de \u00a0inconstitucionalidad \u00a0contra \u00a0el \u00a0art\u00edculo 153 de la Ley 769 de 2002. \u00a0\u00a0 Demandante: Ricardo Perilla Uribe \u00a0 Magistrado Ponente: \u00a0 Dr. JUAN CARLOS HENAO PEREZ \u00a0 Bogot\u00e1, \u00a0 D. \u00a0 C., \u00a0 siete \u00a0 (7) \u00a0 de \u00a0 octubre \u00a0 de \u00a0 dos \u00a0 mil \u00a0nueve \u00a0(2009). \u00a0\u00a0 La \u00a0Sala Plena de la Corte Constitucional, en \u00a0cumplimiento \u00a0de \u00a0sus \u00a0atribuciones \u00a0constitucionales \u00a0y \u00a0de \u00a0los \u00a0requisitos \u00a0y \u00a0tr\u00e1mite \u00a0 establecidos \u00a0 ...<br \/><div class=\"pt-cv-rmwrap\"><a href=\"https:\/\/www.dmsjuridica.com\/buscador_20179478954\/corteconstitucionalcronologico202454587\/c-712-09\/\" class=\"_self pt-cv-readmore btn btn-success\" target=\"_self\">Ver Sentencia Completa...<\/a><\/div><\/div><\/div><\/div>\n<div class=\"col-md-12 col-sm-12 col-xs-12 pt-cv-content-item pt-cv-1-col\" ><div class='pt-cv-ifield'><a href=\"https:\/\/www.dmsjuridica.com\/buscador_20179478954\/corteconstitucionalcronologico202454587\/c-685-09\/\" class=\"_self pt-cv-href-thumbnail pt-cv-thumb-default\" target=\"_self\" ><\/a>\n<div class=\"pt-cv-taxoterm above_title\"><a href='https:\/\/www.dmsjuridica.com\/buscador_20179478954\/corteconstitucionalcronologico202454587\/category\/buscar-en-toda-la-corte\/2009\/sentencias-2009\/' title='Sentencias 2009' class='pt-cv-tax-sentencias-2009'>Sentencias 2009<\/a><\/div>\n<h4 class=\"pt-cv-title\"><a href=\"https:\/\/www.dmsjuridica.com\/buscador_20179478954\/corteconstitucionalcronologico202454587\/c-685-09\/\" class=\"_self\" target=\"_self\" >C-685-09<\/a><\/h4>\n<div class=\"pt-cv-content\">\u00a0 \u00a0 Sentencia C- 685-09 \u00a0 Referencia: expediente LAT- 322 \u00a0 Revisi\u00f3n Constitucional del \u201c Memorando de \u00a0Entendimiento \u00a0 entre \u00a0 los \u00a0 gobiernos \u00a0del \u00a0grupo \u00a0de \u00a0acci\u00f3n \u00a0financiera \u00a0de \u00a0Sudam\u00e9rica \u00a0contra \u00a0el \u00a0lavado \u00a0de activos (GAFISUD)\u201d firmado en Cartagena de \u00a0Indias \u00a0el \u00a08 \u00a0de \u00a0diciembre \u00a0de \u00a02000, \u00a0la \u00a0\u201cModificaci\u00f3n \u00a0del \u00a0memorando de \u00a0entendimiento \u00a0 entre \u00a0 los \u00a0 gobiernos \u00a0del \u00a0grupo \u00a0de \u00a0acci\u00f3n \u00a0financiera \u00a0de \u00a0Sudam\u00e9rica \u00a0contra \u00a0el \u00a0lavado \u00a0de \u00a0activos (GAFISUD)\u201d firmada en Santiago de \u00a0Chile \u00a0el \u00a06 \u00a0de \u00a0diciembre \u00a0de \u00a02001 \u00a0y \u00a0la \u00a0\u201cModificaci\u00f3n \u00a0del memorando de \u00a0entendimiento \u00a0 entre \u00a0 los \u00a0 gobiernos \u00a0del \u00a0grupo \u00a0de ...<br \/><div class=\"pt-cv-rmwrap\"><a href=\"https:\/\/www.dmsjuridica.com\/buscador_20179478954\/corteconstitucionalcronologico202454587\/c-685-09\/\" class=\"_self pt-cv-readmore btn btn-success\" target=\"_self\">Ver Sentencia Completa...<\/a><\/div><\/div><\/div><\/div>\n<div class=\"col-md-12 col-sm-12 col-xs-12 pt-cv-content-item pt-cv-1-col\" ><div class='pt-cv-ifield'><a href=\"https:\/\/www.dmsjuridica.com\/buscador_20179478954\/corteconstitucionalcronologico202454587\/c-684-09\/\" class=\"_self pt-cv-href-thumbnail pt-cv-thumb-default\" target=\"_self\" ><\/a>\n<div class=\"pt-cv-taxoterm above_title\"><a href='https:\/\/www.dmsjuridica.com\/buscador_20179478954\/corteconstitucionalcronologico202454587\/category\/buscar-en-toda-la-corte\/2009\/sentencias-2009\/' title='Sentencias 2009' class='pt-cv-tax-sentencias-2009'>Sentencias 2009<\/a><\/div>\n<h4 class=\"pt-cv-title\"><a href=\"https:\/\/www.dmsjuridica.com\/buscador_20179478954\/corteconstitucionalcronologico202454587\/c-684-09\/\" class=\"_self\" target=\"_self\" >C-684-09<\/a><\/h4>\n<div class=\"pt-cv-content\">\u00a0 \u00a0 Sentencia C-684-09 \u00a0 DETENCION \u00a0 \u00a0 EN \u00a0 \u00a0 FLAGRANCIA \u00a0 \u00a0 DE \u00a0ADOLESCENTE-Reglas \u00a0procesales previstas en el C\u00f3digo \u00a0de \u00a0la \u00a0Infancia y la Adolescencia para investigaci\u00f3n y juzgamiento vulneran el \u00a0derecho \u00a0 \u00a0al \u00a0 \u00a0debido \u00a0 \u00a0proceso \u00a0 \u00a0y \u00a0 \u00a0garant\u00edas \u00a0 \u00a0judiciales \u00a0 \u00a0de \u00a0 \u00a0los \u00a0adolescentes \u00a0\u00a0 La \u00a0 indeterminaci\u00f3n \u00a0 normativa \u00a0 en \u00a0 el \u00a0procedimiento \u00a0previsto \u00a0en \u00a0el \u00a0art\u00edculo \u00a0191 \u00a0del C\u00f3digo de la Infancia y la \u00a0Adolescencia, \u00a0deriva \u00a0en obst\u00e1culos para el ejercicio del derecho de defensa y \u00a0contradicci\u00f3n \u00a0de \u00a0los \u00a0adolescentes sorprendidos en flagrancia y desnaturaliza \u00a0la presunci\u00f3n de inocencia. \u00a0\u00a0 ...<br \/><div class=\"pt-cv-rmwrap\"><a href=\"https:\/\/www.dmsjuridica.com\/buscador_20179478954\/corteconstitucionalcronologico202454587\/c-684-09\/\" class=\"_self pt-cv-readmore btn btn-success\" target=\"_self\">Ver Sentencia Completa...<\/a><\/div><\/div><\/div><\/div>\n<div class=\"col-md-12 col-sm-12 col-xs-12 pt-cv-content-item pt-cv-1-col\" ><div class='pt-cv-ifield'><a href=\"https:\/\/www.dmsjuridica.com\/buscador_20179478954\/corteconstitucionalcronologico202454587\/c-683-09\/\" class=\"_self pt-cv-href-thumbnail pt-cv-thumb-default\" target=\"_self\" ><\/a>\n<div class=\"pt-cv-taxoterm above_title\"><a href='https:\/\/www.dmsjuridica.com\/buscador_20179478954\/corteconstitucionalcronologico202454587\/category\/buscar-en-toda-la-corte\/2009\/sentencias-2009\/' title='Sentencias 2009' class='pt-cv-tax-sentencias-2009'>Sentencias 2009<\/a><\/div>\n<h4 class=\"pt-cv-title\"><a href=\"https:\/\/www.dmsjuridica.com\/buscador_20179478954\/corteconstitucionalcronologico202454587\/c-683-09\/\" class=\"_self\" target=\"_self\" >C-683-09<\/a><\/h4>\n<div class=\"pt-cv-content\">\u00a0 \u00a0 Sentencia C-683-09 \u00a0 (Septiembre 30; Bogot\u00e1 DC) \u00a0 CONVENIO \u00a0CONSTITUTIVO DEL FONDO MULTILATERAL \u00a0DE \u00a0INVERSIONES \u00a0II FOMIN II Y CONVENIO DE ADMINISTRACION DEL FONDO MULTILATERAL \u00a0DE INVERSIONES II-Exequibles \u00a0\u00a0 CONVENIO \u00a0CONSTITUTIVO DEL FONDO MULTILATERAL \u00a0DE \u00a0INVERSIONES \u00a0FOMIN II Y CONVENIO DE ADMINISTRACION DEL FONDO MULTILATERAL DE \u00a0INVERSIONES II-Antecedentes \u00a0\u00a0 Los \u00a0tratados \u00a0objeto \u00a0de \u00a0estudio \u00a0tienen un \u00a0antecedente \u00a0directo \u00a0en \u00a0la \u00a0sentencia \u00a0C-390 \u00a0de 1994, por medio de la cual se \u00a0declararon \u00a0exequibles \u00a0el \u00a0\u201cConvenio \u00a0Constitutivo \u00a0del Fondo Multilateral de \u00a0Inversiones \u00a0 y \u00a0el \u00a0Convenio \u00a0de \u00a0Administraci\u00f3n \u00a0del \u00a0Fondo \u00a0Multilateral \u00a0de \u00a0Inversiones, \u00a0FOMIN \u00a0I\u201d, \u00a0aprobados \u00a0por \u00a0la Ley 111 ...<br \/><div class=\"pt-cv-rmwrap\"><a href=\"https:\/\/www.dmsjuridica.com\/buscador_20179478954\/corteconstitucionalcronologico202454587\/c-683-09\/\" class=\"_self pt-cv-readmore btn btn-success\" target=\"_self\">Ver Sentencia Completa...<\/a><\/div><\/div><\/div><\/div>\n<div class=\"col-md-12 col-sm-12 col-xs-12 pt-cv-content-item pt-cv-1-col\" ><div class='pt-cv-ifield'><a href=\"https:\/\/www.dmsjuridica.com\/buscador_20179478954\/corteconstitucionalcronologico202454587\/c-682-09\/\" class=\"_self pt-cv-href-thumbnail pt-cv-thumb-default\" target=\"_self\" ><\/a>\n<div class=\"pt-cv-taxoterm above_title\"><a href='https:\/\/www.dmsjuridica.com\/buscador_20179478954\/corteconstitucionalcronologico202454587\/category\/buscar-en-toda-la-corte\/2009\/sentencias-2009\/' title='Sentencias 2009' class='pt-cv-tax-sentencias-2009'>Sentencias 2009<\/a><\/div>\n<h4 class=\"pt-cv-title\"><a href=\"https:\/\/www.dmsjuridica.com\/buscador_20179478954\/corteconstitucionalcronologico202454587\/c-682-09\/\" class=\"_self\" target=\"_self\" >C-682-09<\/a><\/h4>\n<div class=\"pt-cv-content\">\u00a0 \u00a0 Sentencia C-682-09 \u00a0 INHIBICION \u00a0DE \u00a0LA \u00a0CORTE \u00a0CONSTITUCIONAL POR \u00a0INEPTITUD \u00a0SUSTANTIVA \u00a0DE \u00a0LA \u00a0DEMANDA-Inexistencia de \u00a0proposici\u00f3n jur\u00eddica completa \u00a0\u00a0 INHIBICION \u00a0DE \u00a0LA \u00a0CORTE \u00a0CONSTITUCIONAL POR \u00a0INEPTITUD \u00a0 SUSTANTIVA \u00a0 DE \u00a0 LA \u00a0 DEMANDA-Falta \u00a0 de \u00a0suficiencia, especificidad y pertinencia \u00a0\u00a0 CONTROL \u00a0DE \u00a0CONSTITUCIONALIDAD DE DEMANDA DE \u00a0INCONSTITUCIONALIDAD-No es oficioso \u00a0\u00a0 Referencia: expediente D-7604 \u00a0 Asunto: \u00a0Demanda \u00a0de inconstitucionalidad en \u00a0contra \u00a0del \u00a0art\u00edculo \u00a0346 \u00a0(parcial) \u00a0de \u00a0la \u00a0Ley \u00a0599 \u00a0de \u00a02000, \u201cpor \u00a0 \u00a0la \u00a0 cual \u00a0 se \u00a0 expide \u00a0 el \u00a0 C\u00f3digo \u00a0 Penal\u201d. \u00a0\u00a0 Demandantes: \u00a0Ricardo Perilla Uribe y Carlos \u00a0Gilberto G\u00f3mez Cifuentes \u00a0\u00a0 Magistrado ...<br \/><div class=\"pt-cv-rmwrap\"><a href=\"https:\/\/www.dmsjuridica.com\/buscador_20179478954\/corteconstitucionalcronologico202454587\/c-682-09\/\" class=\"_self pt-cv-readmore btn btn-success\" target=\"_self\">Ver Sentencia Completa...<\/a><\/div><\/div><\/div><\/div>\n<div class=\"col-md-12 col-sm-12 col-xs-12 pt-cv-content-item pt-cv-1-col\" ><div class='pt-cv-ifield'><a href=\"https:\/\/www.dmsjuridica.com\/buscador_20179478954\/corteconstitucionalcronologico202454587\/c-681-09\/\" class=\"_self pt-cv-href-thumbnail pt-cv-thumb-default\" target=\"_self\" ><\/a>\n<div class=\"pt-cv-taxoterm above_title\"><a href='https:\/\/www.dmsjuridica.com\/buscador_20179478954\/corteconstitucionalcronologico202454587\/category\/buscar-en-toda-la-corte\/2009\/sentencias-2009\/' title='Sentencias 2009' class='pt-cv-tax-sentencias-2009'>Sentencias 2009<\/a><\/div>\n<h4 class=\"pt-cv-title\"><a href=\"https:\/\/www.dmsjuridica.com\/buscador_20179478954\/corteconstitucionalcronologico202454587\/c-681-09\/\" class=\"_self\" target=\"_self\" >C-681-09<\/a><\/h4>\n<div class=\"pt-cv-content\">(Septiembre 30, Bogot\u00e1 DC) \u00a0 INHIBICION \u00a0DE \u00a0LA \u00a0CORTE \u00a0CONSTITUCIONAL POR \u00a0INEPTITUD \u00a0SUSTANTIVA \u00a0DE \u00a0DEMANDA-Ausencia de certeza, \u00a0pertinencia y suficiencia en los cargos de inconstitucionalidad \u00a0\u00a0 ACCION \u00a0 \u00a0 \u00a0 \u00a0PUBLICA \u00a0 \u00a0 \u00a0 \u00a0DE \u00a0INCONSTITUCIONALIDAD-Requisitos \u00a0 \u00a0 \u00a0 \u00a0 \u00a0 de \u00a0procedibilidad \u00a0\u00a0 DEMANDA \u00a0 DE \u00a0 INCONSTITUCIONALIDAD \u00a0 POR \u00a0VULNERACION \u00a0DEL \u00a0PRINCIPIO \u00a0DE IGUALDAD-Incumplimiento \u00a0de carga argumentativa \u00a0\u00a0 Referencia: \u00a0Expediente D-7628. \u00a0\u00a0 Demanda \u00a0de inconstitucionalidad: \u00a0contra \u00a0los \u00a0art\u00edculos 56 y 57 de la Ley 643 de 2001 \u201cpor \u00a0la cual se fija el r\u00e9gimen propio del monopolio rent\u00edstico \u00a0de juegos de suerte y azar\u201d. \u00a0\u00a0 Demandante(s): \u00a0Jos\u00e9 Fernando ...<br \/><div class=\"pt-cv-rmwrap\"><a href=\"https:\/\/www.dmsjuridica.com\/buscador_20179478954\/corteconstitucionalcronologico202454587\/c-681-09\/\" class=\"_self pt-cv-readmore btn btn-success\" target=\"_self\">Ver Sentencia Completa...<\/a><\/div><\/div><\/div><\/div>\n<div class=\"col-md-12 col-sm-12 col-xs-12 pt-cv-content-item pt-cv-1-col\" ><div class='pt-cv-ifield'><a href=\"https:\/\/www.dmsjuridica.com\/buscador_20179478954\/corteconstitucionalcronologico202454587\/c-680-09\/\" class=\"_self pt-cv-href-thumbnail pt-cv-thumb-default\" target=\"_self\" ><\/a>\n<div class=\"pt-cv-taxoterm above_title\"><a href='https:\/\/www.dmsjuridica.com\/buscador_20179478954\/corteconstitucionalcronologico202454587\/category\/buscar-en-toda-la-corte\/2009\/sentencias-2009\/' title='Sentencias 2009' class='pt-cv-tax-sentencias-2009'>Sentencias 2009<\/a><\/div>\n<h4 class=\"pt-cv-title\"><a href=\"https:\/\/www.dmsjuridica.com\/buscador_20179478954\/corteconstitucionalcronologico202454587\/c-680-09\/\" class=\"_self\" target=\"_self\" >C-680-09<\/a><\/h4>\n<div class=\"pt-cv-content\">\u00a0 \u00a0 Sentencia C-680-09 \u00a0 Referencia: expediente D-7644 \u00a0 Acci\u00f3n \u00a0de \u00a0inconstitucionalidad \u00a0contra \u00a0el \u00a0par\u00e1grafo \u00a0 del \u00a0 art\u00edculo \u00a0 53 \u00a0 de \u00a0 la \u00a0 Ley \u00a0 31 \u00a0 de \u00a01992, \u00a0\u201cPor \u00a0la \u00a0cual se dictan las normas a las que deber\u00e1 sujetarse el \u00a0Banco \u00a0de \u00a0la \u00a0Rep\u00fablica \u00a0para \u00a0el ejercicio de sus funciones, el Gobierno para \u00a0se\u00f1alar \u00a0el \u00a0r\u00e9gimen \u00a0de \u00a0cambio \u00a0internacional, \u00a0para \u00a0la \u00a0expedici\u00f3n de los \u00a0Estatutos \u00a0del \u00a0Banco \u00a0y \u00a0para \u00a0el \u00a0ejercicio \u00a0de \u00a0las funciones de inspecci\u00f3n, \u00a0vigilancia \u00a0y \u00a0control \u00a0del \u00a0mismo, \u00a0se \u00a0determinan \u00a0las \u00a0entidades a las cuales \u00a0pasar\u00e1n \u00a0los \u00a0Fondos \u00a0de \u00a0Fomento \u00a0que \u00a0administra ...<br \/><div class=\"pt-cv-rmwrap\"><a href=\"https:\/\/www.dmsjuridica.com\/buscador_20179478954\/corteconstitucionalcronologico202454587\/c-680-09\/\" class=\"_self pt-cv-readmore btn btn-success\" target=\"_self\">Ver Sentencia Completa...<\/a><\/div><\/div><\/div><\/div>\n<div class=\"col-md-12 col-sm-12 col-xs-12 pt-cv-content-item pt-cv-1-col\" ><div class='pt-cv-ifield'><a href=\"https:\/\/www.dmsjuridica.com\/buscador_20179478954\/corteconstitucionalcronologico202454587\/c-667-09\/\" class=\"_self pt-cv-href-thumbnail pt-cv-thumb-default\" target=\"_self\" ><\/a>\n<div class=\"pt-cv-taxoterm above_title\"><a href='https:\/\/www.dmsjuridica.com\/buscador_20179478954\/corteconstitucionalcronologico202454587\/category\/buscar-en-toda-la-corte\/2009\/sentencias-2009\/' title='Sentencias 2009' class='pt-cv-tax-sentencias-2009'>Sentencias 2009<\/a><\/div>\n<h4 class=\"pt-cv-title\"><a href=\"https:\/\/www.dmsjuridica.com\/buscador_20179478954\/corteconstitucionalcronologico202454587\/c-667-09\/\" class=\"_self\" target=\"_self\" >C-667-09<\/a><\/h4>\n<div class=\"pt-cv-content\">\u00a0 \u00a0 Sentencia C-667-09 \u00a0 Referencia: expediente D-7656 \u00a0 Demanda de inconstitucionalidad en contra del \u00a0art\u00edculo 57 (parcial) del C\u00f3digo de Procedimiento Civil \u00a0\u00a0 Actor: \u00a0 Fernando \u00a0Alarc\u00f3n Alarc\u00f3n \u00a0\u00a0 Magistrado Ponente: \u00a0 Dr. JORGE IGNACIO PRETELT CHALJUB \u00a0 Bogot\u00e1 \u00a0D. \u00a0C.,\u00a0 \u00a0veintid\u00f3s \u00a0(22) \u00a0de \u00a0septiembre de dos mil nueve (2009) \u00a0\u00a0 La \u00a0Sala \u00a0Plena \u00a0de la Corte Constitucional, \u00a0conformada \u00a0por los magistrados Nilson Pinilla Pinilla -quien la preside-, Maria \u00a0Victoria \u00a0Calle \u00a0Correa, \u00a0Mauricio \u00a0Gonz\u00e1lez \u00a0Cuervo, Juan Carlos Henao P\u00e9rez, \u00a0Gabriel \u00a0Eduardo \u00a0Mendoza \u00a0Martelo, \u00a0Jorge \u00a0Iv\u00e1n Palacio Palacio, Jorge Ignacio \u00a0Pretelt \u00a0Chaljub, \u00a0Humberto \u00a0Sierra \u00a0Porto \u00a0y \u00a0Lu\u00eds \u00a0Ernesto \u00a0Vargas \u00a0Silva, ...<br \/><div class=\"pt-cv-rmwrap\"><a href=\"https:\/\/www.dmsjuridica.com\/buscador_20179478954\/corteconstitucionalcronologico202454587\/c-667-09\/\" class=\"_self pt-cv-readmore btn btn-success\" target=\"_self\">Ver Sentencia Completa...<\/a><\/div><\/div><\/div><\/div>\n<div class=\"col-md-12 col-sm-12 col-xs-12 pt-cv-content-item pt-cv-1-col\" ><div class='pt-cv-ifield'><a href=\"https:\/\/www.dmsjuridica.com\/buscador_20179478954\/corteconstitucionalcronologico202454587\/c-666-09\/\" class=\"_self pt-cv-href-thumbnail pt-cv-thumb-default\" target=\"_self\" ><\/a>\n<div class=\"pt-cv-taxoterm above_title\"><a href='https:\/\/www.dmsjuridica.com\/buscador_20179478954\/corteconstitucionalcronologico202454587\/category\/buscar-en-toda-la-corte\/2009\/sentencias-2009\/' title='Sentencias 2009' class='pt-cv-tax-sentencias-2009'>Sentencias 2009<\/a><\/div>\n<h4 class=\"pt-cv-title\"><a href=\"https:\/\/www.dmsjuridica.com\/buscador_20179478954\/corteconstitucionalcronologico202454587\/c-666-09\/\" class=\"_self\" target=\"_self\" >C-666-09<\/a><\/h4>\n<div class=\"pt-cv-content\">\u00a0 \u00a0 Sentencia C-666-09 \u00a0 COSA \u00a0 JUZGADA \u00a0 ABSOLUTA \u00a0Y \u00a0COSA \u00a0JUZGADA \u00a0RELATIVA-Alcance \u00a0\u00a0 COSA \u00a0 \u00a0JUZGADA \u00a0 \u00a0RELATIVA-Configuraci\u00f3n \u00a0\u00a0 Si \u00a0 bien \u00a0 la \u00a0 Sala \u00a0Plena \u00a0de \u00a0la \u00a0Corte \u00a0Constitucional \u00a0 \u00a0se \u00a0 \u00a0ha \u00a0 \u00a0pronunciado \u00a0 en \u00a0 cuatro \u00a0 ocasiones \u00a0 sobre \u00a0 la \u00a0constitucionalidad \u00a0del \u00a0art\u00edculo \u00a0146 \u00a0de \u00a0la Ley 1151 de 2007, la norma no ha \u00a0sido \u00a0estudiada en abstracto, sino en relaci\u00f3n con los cargos analizados en las \u00a0cuatro \u00a0oportunidades \u00a0mencionadas, \u00a0por \u00a0lo \u00a0cual \u00a0esta \u00a0decisi\u00f3n \u00a0no ha hecho \u00a0tr\u00e1nsito \u00a0a \u00a0cosa juzgada absoluta, sino relativa, y los cargos presentados por \u00a0la ...<br \/><div class=\"pt-cv-rmwrap\"><a href=\"https:\/\/www.dmsjuridica.com\/buscador_20179478954\/corteconstitucionalcronologico202454587\/c-666-09\/\" class=\"_self pt-cv-readmore btn btn-success\" target=\"_self\">Ver Sentencia Completa...<\/a><\/div><\/div><\/div><\/div>\n<div class=\"col-md-12 col-sm-12 col-xs-12 pt-cv-content-item pt-cv-1-col\" ><div class='pt-cv-ifield'><a href=\"https:\/\/www.dmsjuridica.com\/buscador_20179478954\/corteconstitucionalcronologico202454587\/c-665-09\/\" class=\"_self pt-cv-href-thumbnail pt-cv-thumb-default\" target=\"_self\" ><\/a>\n<div class=\"pt-cv-taxoterm above_title\"><a href='https:\/\/www.dmsjuridica.com\/buscador_20179478954\/corteconstitucionalcronologico202454587\/category\/buscar-en-toda-la-corte\/2009\/sentencias-2009\/' title='Sentencias 2009' class='pt-cv-tax-sentencias-2009'>Sentencias 2009<\/a><\/div>\n<h4 class=\"pt-cv-title\"><a href=\"https:\/\/www.dmsjuridica.com\/buscador_20179478954\/corteconstitucionalcronologico202454587\/c-665-09\/\" class=\"_self\" target=\"_self\" >C-665-09<\/a><\/h4>\n<div class=\"pt-cv-content\">\u00a0 \u00a0 SENTENCIA C-665\/09 \u00a0 (Septiembre 22, Bogot\u00e1 DC) \u00a0 COSA \u00a0 JUZGADA \u00a0CONSTITUCIONAL-Configuraci\u00f3n \u00a0\u00a0 INHIBICION \u00a0DE \u00a0LA \u00a0CORTE \u00a0CONSTITUCIONAL POR \u00a0INEPTITUD \u00a0 \u00a0SUSTANTIVA \u00a0 DE \u00a0 DEMANDA-Incumplimiento \u00a0del \u00a0 \u00a0 requisito \u00a0 \u00a0de \u00a0pertinencia \u00a0\u00a0 INHIBICION \u00a0DE \u00a0LA \u00a0CORTE \u00a0CONSTITUCIONAL \u00a0EN \u00a0DEMANDA \u00a0DE \u00a0INCONSTITUCIONALIDAD \u00a0POR OMISION LEGISLATIVA RELATIVA-Falta de argumentaci\u00f3n \u00a0\u00a0 Referencia: \u00a0expedientes D-7632 y D-7635 \u00a0\u00a0 Actores: \u00a0 Jos\u00e9 \u00a0Antonio Quintero Jaimes y Rober Trinidad Romero Ram\u00edrez \u00a0\u00a0 Demanda \u00a0de inconstitucionalidad \u00a0contra \u00a0el numeral 5\u00b0 (parcial) del art\u00edculo 33 de la Ley 617 de \u00a02000 \u00a0\u00a0 Magistrado Ponente: \u00a0Mauricio Gonz\u00e1lez Cuervo. \u00a0\u00a0 Bogot\u00e1, \u00a0D. \u00a0C., \u00a0veinte \u00a0y \u00a0dos ...<br \/><div class=\"pt-cv-rmwrap\"><a href=\"https:\/\/www.dmsjuridica.com\/buscador_20179478954\/corteconstitucionalcronologico202454587\/c-665-09\/\" class=\"_self pt-cv-readmore btn btn-success\" target=\"_self\">Ver Sentencia Completa...<\/a><\/div><\/div><\/div><\/div>\n<div class=\"col-md-12 col-sm-12 col-xs-12 pt-cv-content-item pt-cv-1-col\" ><div class='pt-cv-ifield'><a href=\"https:\/\/www.dmsjuridica.com\/buscador_20179478954\/corteconstitucionalcronologico202454587\/c-664-09\/\" class=\"_self pt-cv-href-thumbnail pt-cv-thumb-default\" target=\"_self\" ><\/a>\n<div class=\"pt-cv-taxoterm above_title\"><a href='https:\/\/www.dmsjuridica.com\/buscador_20179478954\/corteconstitucionalcronologico202454587\/category\/buscar-en-toda-la-corte\/2009\/sentencias-2009\/' title='Sentencias 2009' class='pt-cv-tax-sentencias-2009'>Sentencias 2009<\/a><\/div>\n<h4 class=\"pt-cv-title\"><a href=\"https:\/\/www.dmsjuridica.com\/buscador_20179478954\/corteconstitucionalcronologico202454587\/c-664-09\/\" class=\"_self\" target=\"_self\" >C-664-09<\/a><\/h4>\n<div class=\"pt-cv-content\">\u00a0 \u00a0 Sentencia \u00a0C-664-09 \u00a0\u00a0 COSA \u00a0 JUZGADA \u00a0CONSTITUCIONAL- \u00a0 \u00a0 \u00a0 \u00a0\u00a0 \u00a0 \u00a0 \u00a0 \u00a0\u00a0 \u00a0 \u00a0 \u00a0 \u00a0\u00a0 \u00a0 \u00a0 \u00a0 \u00a0\u00a0Inexistencia \u00a0\u00a0 PRINCIPIO DE EQUIDAD TRIBUTARIA EN IMPUESTO AL \u00a0CONSUMO \u00a0 DE \u00a0 CIGARRILLOS \u00a0 Y \u00a0 TABACO \u00a0 ELABORADO-No \u00a0se \u00a0vulnera \u00a0por omisi\u00f3n de \u00a0actualizaci\u00f3n \u00a0 de \u00a0 la \u00a0base \u00a0gravable\/PRINCIPIO \u00a0DE \u00a0EQUIDAD \u00a0 TRIBUTARIA \u00a0 EN \u00a0 IMPUESTO \u00a0 AL \u00a0 CONSUMO \u00a0 DE \u00a0CIGARRILLOS \u00a0Y \u00a0TABACO \u00a0ELABORADO-No \u00a0se vulnera \u00a0por \u00a0omisi\u00f3n \u00a0de \u00a0actualizaci\u00f3n \u00a0de \u00a0los \u00a0precios \u00a0de las \u00a0cajetillas de cigarrillos y tabaco \u00a0\u00a0 Si \u00a0bien \u00a0el \u00a0Legislador pretendi\u00f3 crear dos \u00a0categor\u00edas \u00a0distintas ...<br \/><div class=\"pt-cv-rmwrap\"><a href=\"https:\/\/www.dmsjuridica.com\/buscador_20179478954\/corteconstitucionalcronologico202454587\/c-664-09\/\" class=\"_self pt-cv-readmore btn btn-success\" target=\"_self\">Ver Sentencia Completa...<\/a><\/div><\/div><\/div><\/div>\n<div class=\"col-md-12 col-sm-12 col-xs-12 pt-cv-content-item pt-cv-1-col\" ><div class='pt-cv-ifield'><a href=\"https:\/\/www.dmsjuridica.com\/buscador_20179478954\/corteconstitucionalcronologico202454587\/c-663-09\/\" class=\"_self pt-cv-href-thumbnail pt-cv-thumb-default\" target=\"_self\" ><\/a>\n<div class=\"pt-cv-taxoterm above_title\"><a href='https:\/\/www.dmsjuridica.com\/buscador_20179478954\/corteconstitucionalcronologico202454587\/category\/buscar-en-toda-la-corte\/2009\/sentencias-2009\/' title='Sentencias 2009' class='pt-cv-tax-sentencias-2009'>Sentencias 2009<\/a><\/div>\n<h4 class=\"pt-cv-title\"><a href=\"https:\/\/www.dmsjuridica.com\/buscador_20179478954\/corteconstitucionalcronologico202454587\/c-663-09\/\" class=\"_self\" target=\"_self\" >C-663-09<\/a><\/h4>\n<div class=\"pt-cv-content\">\u00a0 \u00a0 Sentencia C-663-09 \u00a0 LICENCIA REMUNERADA DE PATERNIDAD-Requisitos \u00a0para su reconocimiento\/LICENCIA \u00a0DE \u00a0PATERNIDAD-Exigencia \u00a0de \u00a0cien \u00a0(100) \u00a0semanas \u00a0de \u00a0cotizaci\u00f3n \u00a0previas y continuas para su reconocimiento resulta desproporcionada \u00a0e \u00a0 innecesaria\/LICENCIA \u00a0DE \u00a0PATERNIDAD-Requisito \u00a0de \u00a0cien (100) semanas de cotizaci\u00f3n previas y continuas \u00a0para su reconocimiento vulnera el derecho a la igualdad \u00a0\u00a0 El inciso 5\u00b0 del art\u00edculo 1\u00b0 de la Ley 755 \u00a0de \u00a02002 \u00a0establece \u00a0como \u00a0requisito \u00a0para \u00a0el \u00a0reconocimiento \u00a0de \u00a0la \u00a0licencia \u00a0remunerada \u00a0de \u00a0paternidad, \u00a0que \u00a0el \u00a0padre \u00a0haya estado cotizando efectivamente \u00a0durante \u00a0las cien (100) semanas previas al nacimiento, requisito cuya extensi\u00f3n \u00a0la \u00a0Corte \u00a0no encuentra proporcionado ni ...<br \/><div class=\"pt-cv-rmwrap\"><a href=\"https:\/\/www.dmsjuridica.com\/buscador_20179478954\/corteconstitucionalcronologico202454587\/c-663-09\/\" class=\"_self pt-cv-readmore btn btn-success\" target=\"_self\">Ver Sentencia Completa...<\/a><\/div><\/div><\/div><\/div>\n<div class=\"col-md-12 col-sm-12 col-xs-12 pt-cv-content-item pt-cv-1-col\" ><div class='pt-cv-ifield'><a href=\"https:\/\/www.dmsjuridica.com\/buscador_20179478954\/corteconstitucionalcronologico202454587\/c-662-09\/\" class=\"_self pt-cv-href-thumbnail pt-cv-thumb-default\" target=\"_self\" ><\/a>\n<div class=\"pt-cv-taxoterm above_title\"><a href='https:\/\/www.dmsjuridica.com\/buscador_20179478954\/corteconstitucionalcronologico202454587\/category\/buscar-en-toda-la-corte\/2009\/sentencias-2009\/' title='Sentencias 2009' class='pt-cv-tax-sentencias-2009'>Sentencias 2009<\/a><\/div>\n<h4 class=\"pt-cv-title\"><a href=\"https:\/\/www.dmsjuridica.com\/buscador_20179478954\/corteconstitucionalcronologico202454587\/c-662-09\/\" class=\"_self\" target=\"_self\" >C-662-09<\/a><\/h4>\n<div class=\"pt-cv-content\">\u00a0 \u00a0 Sentencia \u00a0C-662-09 \u00a0\u00a0 OBJECIONES \u00a0PRESIDENCIALES \u00a0A PROYECTO DE LEY \u00a0SANDRA \u00a0CEBALLOS, \u00a0POR \u00a0LA \u00a0CUAL \u00a0SE \u00a0ESTABLECEN \u00a0LAS \u00a0ACCIONES PARA LA ATENCION \u00a0INTEGRAL DEL CANCER EN COLOMBIA-Infundadas \u00a0\u00a0 OBJECIONES \u00a0 \u00a0PRESIDENCIALES-T\u00e9rmino para la formulaci\u00f3n \u00a0\u00a0 OBJECIONES \u00a0 \u00a0PRESIDENCIALES-Tr\u00e1mite en el Congreso de la Rep\u00fablica \u00a0\u00a0 Para la Corte, el Congreso de la Rep\u00fablica se \u00a0pronunci\u00f3 \u00a0sobre \u00a0las \u00a0objeciones presidenciales dentro del t\u00e9rmino m\u00e1ximo de \u00a0dos \u00a0legislaturas, \u00a0cumpliendo \u00a0con \u00a0las \u00a0exigencias \u00a0constitucionales \u00a0para \u00a0la \u00a0discusi\u00f3n \u00a0y \u00a0aprobaci\u00f3n \u00a0del informe de objeciones presidenciales, pues tanto \u00a0en \u00a0el \u00a0Senado \u00a0como en la C\u00e1mara de Representantes se surti\u00f3 el procedimiento \u00a0legislativo \u00a0 de ...<br \/><div class=\"pt-cv-rmwrap\"><a href=\"https:\/\/www.dmsjuridica.com\/buscador_20179478954\/corteconstitucionalcronologico202454587\/c-662-09\/\" class=\"_self pt-cv-readmore btn btn-success\" target=\"_self\">Ver Sentencia Completa...<\/a><\/div><\/div><\/div><\/div>\n<div class=\"col-md-12 col-sm-12 col-xs-12 pt-cv-content-item pt-cv-1-col\" ><div class='pt-cv-ifield'><a href=\"https:\/\/www.dmsjuridica.com\/buscador_20179478954\/corteconstitucionalcronologico202454587\/c-641-09\/\" class=\"_self pt-cv-href-thumbnail pt-cv-thumb-default\" target=\"_self\" ><\/a>\n<div class=\"pt-cv-taxoterm above_title\"><a href='https:\/\/www.dmsjuridica.com\/buscador_20179478954\/corteconstitucionalcronologico202454587\/category\/buscar-en-toda-la-corte\/2009\/sentencias-2009\/' title='Sentencias 2009' class='pt-cv-tax-sentencias-2009'>Sentencias 2009<\/a><\/div>\n<h4 class=\"pt-cv-title\"><a href=\"https:\/\/www.dmsjuridica.com\/buscador_20179478954\/corteconstitucionalcronologico202454587\/c-641-09\/\" class=\"_self\" target=\"_self\" >C-641-09<\/a><\/h4>\n<div class=\"pt-cv-content\">\u00a0 \u00a0 Sentencia \u00a0C-641-09 \u00a0\u00a0 Referencia: \u00a0 \u00a0expedientes\u00a0 \u00a0 D-7770 \u00a0y 7772. \u00a0\u00a0 Demanda de inconstitucionalidad contra el Acto \u00a0Legislativo \u00a001 \u00a0de \u00a02008 \u00a0\u201cPor \u00a0medio \u00a0del \u00a0cual se \u00a0adiciona el art\u00edculo 125 de la Constituci\u00f3n Pol\u00edtica\u201d. \u00a0\u00a0 Demandantes: Adriana \u00a0Paola Arboleda Campo, Pedro Jos\u00e9 Pedraza Su\u00e1rez y otros. \u00a0\u00a0 Magistrado Ponente: \u00a0 Dr. LU\u00cdS ERNESTO VARGAS SILVA \u00a0 Bogot\u00e1, \u00a0D.C., \u00a0diecis\u00e9is \u00a0(16)\u00a0 \u00a0de \u00a0septiembre de dos mil nueve (2009) \u00a0\u00a0 La \u00a0Sala Plena de la Corte Constitucional, en \u00a0ejercicio \u00a0de \u00a0sus \u00a0atribuciones \u00a0constitucionales \u00a0y \u00a0legales, \u00a0en especial las \u00a0previstas \u00a0en \u00a0el \u00a0art\u00edculo \u00a0241, numeral 1\u00b0, de la Constituci\u00f3n Pol\u00edtica, y ...<br \/><div class=\"pt-cv-rmwrap\"><a href=\"https:\/\/www.dmsjuridica.com\/buscador_20179478954\/corteconstitucionalcronologico202454587\/c-641-09\/\" class=\"_self pt-cv-readmore btn btn-success\" target=\"_self\">Ver Sentencia Completa...<\/a><\/div><\/div><\/div><\/div>\n<div class=\"col-md-12 col-sm-12 col-xs-12 pt-cv-content-item pt-cv-1-col\" ><div class='pt-cv-ifield'><a href=\"https:\/\/www.dmsjuridica.com\/buscador_20179478954\/corteconstitucionalcronologico202454587\/c-640-09\/\" class=\"_self pt-cv-href-thumbnail pt-cv-thumb-default\" target=\"_self\" ><\/a>\n<div class=\"pt-cv-taxoterm above_title\"><a href='https:\/\/www.dmsjuridica.com\/buscador_20179478954\/corteconstitucionalcronologico202454587\/category\/buscar-en-toda-la-corte\/2009\/sentencias-2009\/' title='Sentencias 2009' class='pt-cv-tax-sentencias-2009'>Sentencias 2009<\/a><\/div>\n<h4 class=\"pt-cv-title\"><a href=\"https:\/\/www.dmsjuridica.com\/buscador_20179478954\/corteconstitucionalcronologico202454587\/c-640-09\/\" class=\"_self\" target=\"_self\" >C-640-09<\/a><\/h4>\n<div class=\"pt-cv-content\">\u00a0 \u00a0 Sentencia C-640-09 \u00a0 INHIBICION \u00a0 \u00a0 \u00a0DE \u00a0 \u00a0 \u00a0LA \u00a0 \u00a0 \u00a0CORTE \u00a0CONSTITUCIONAL-Disposici\u00f3n \u00a0 derogada \u00a0 que \u00a0 no \u00a0se \u00a0encuentra produciendo efectos jur\u00eddicos \u00a0\u00a0 NORMA \u00a0 \u00a0 \u00a0 DEROGADA-Aplicaci\u00f3n \u00a0 no \u00a0constituye \u00a0prolongaci\u00f3n \u00a0en \u00a0el \u00a0tiempo \u00a0de \u00a0sus \u00a0efectos\/NORMA \u00a0DEROGADA-No es \u00a0objeto \u00a0de \u00a0control \u00a0de constitucionalidad a menos que est\u00e9 produciendo efectos \u00a0jur\u00eddicos\/NORMA \u00a0 \u00a0 \u00a0 \u00a0 DEROGADA-Aplicaci\u00f3n indebida sujeta a control diferente \u00a0\u00a0 En relaci\u00f3n con el art\u00edculo 35 del Decreto \u00a0Ley \u00a0094 \u00a0de \u00a01989, \u00a0la \u00a0disposici\u00f3n fue derogada y no se encuentra actualmente \u00a0produciendo \u00a0efectos \u00a0jur\u00eddicos, \u00a0por \u00a0lo \u00a0que \u00a0la Corte habr\u00e1 de inhibirse ...<br \/><div class=\"pt-cv-rmwrap\"><a href=\"https:\/\/www.dmsjuridica.com\/buscador_20179478954\/corteconstitucionalcronologico202454587\/c-640-09\/\" class=\"_self pt-cv-readmore btn btn-success\" target=\"_self\">Ver Sentencia Completa...<\/a><\/div><\/div><\/div><\/div>\n<div class=\"col-md-12 col-sm-12 col-xs-12 pt-cv-content-item pt-cv-1-col\" ><div class='pt-cv-ifield'><a href=\"https:\/\/www.dmsjuridica.com\/buscador_20179478954\/corteconstitucionalcronologico202454587\/c-639-09\/\" class=\"_self pt-cv-href-thumbnail pt-cv-thumb-default\" target=\"_self\" ><\/a>\n<div class=\"pt-cv-taxoterm above_title\"><a href='https:\/\/www.dmsjuridica.com\/buscador_20179478954\/corteconstitucionalcronologico202454587\/category\/buscar-en-toda-la-corte\/2009\/sentencias-2009\/' title='Sentencias 2009' class='pt-cv-tax-sentencias-2009'>Sentencias 2009<\/a><\/div>\n<h4 class=\"pt-cv-title\"><a href=\"https:\/\/www.dmsjuridica.com\/buscador_20179478954\/corteconstitucionalcronologico202454587\/c-639-09\/\" class=\"_self\" target=\"_self\" >C-639-09<\/a><\/h4>\n<div class=\"pt-cv-content\">\u00a0 \u00a0 Sentencia C-639-09 \u00a0 PROTOCOLO \u00a0 \u00a0DE \u00a0 ENMIENDA \u00a0 AL \u00a0 ACUERDO \u00a0LATINOAMERICANO \u00a0 \u00a0 \u00a0 \u00a0DE \u00a0 \u00a0 \u00a0 \u00a0COPRODUCCION \u00a0 \u00a0 \u00a0 CINEMATOGRAFICA-Prop\u00f3sitos \u00a0\u00a0 El \u00a0 Protocolo \u00a0 de \u00a0 Enmienda \u00a0al \u00a0Acuerdo \u00a0Latinoamericano \u00a0 de \u00a0Coproducci\u00f3n \u00a0Cinematogr\u00e1fica \u00a0constituye \u00a0un \u00a0mecanismo \u00a0renovado \u00a0que \u00a0permite \u00a0avanzar significativamente en los prop\u00f3sitos de fomento \u00a0de \u00a0la actividad cinematogr\u00e1fica y audiovisual en los pa\u00edses iberoamericanos y \u00a0busca \u00a0continuar promoviendo y fomentando el acceso a la cultura en sus diversas \u00a0manifestaciones, \u00a0como \u00a0lo \u00a0es \u00a0el \u00a0cine, adem\u00e1s de hacer realidad los mandatos \u00a0constitucionales \u00a0de \u00a0integraci\u00f3n no s\u00f3lo latinoamericana sino con los ...<br \/><div class=\"pt-cv-rmwrap\"><a href=\"https:\/\/www.dmsjuridica.com\/buscador_20179478954\/corteconstitucionalcronologico202454587\/c-639-09\/\" class=\"_self pt-cv-readmore btn btn-success\" target=\"_self\">Ver Sentencia Completa...<\/a><\/div><\/div><\/div><\/div>\n<div class=\"col-md-12 col-sm-12 col-xs-12 pt-cv-content-item pt-cv-1-col\" ><div class='pt-cv-ifield'><a href=\"https:\/\/www.dmsjuridica.com\/buscador_20179478954\/corteconstitucionalcronologico202454587\/c-638-09\/\" class=\"_self pt-cv-href-thumbnail pt-cv-thumb-default\" target=\"_self\" ><\/a>\n<div class=\"pt-cv-taxoterm above_title\"><a href='https:\/\/www.dmsjuridica.com\/buscador_20179478954\/corteconstitucionalcronologico202454587\/category\/buscar-en-toda-la-corte\/2009\/sentencias-2009\/' title='Sentencias 2009' class='pt-cv-tax-sentencias-2009'>Sentencias 2009<\/a><\/div>\n<h4 class=\"pt-cv-title\"><a href=\"https:\/\/www.dmsjuridica.com\/buscador_20179478954\/corteconstitucionalcronologico202454587\/c-638-09\/\" class=\"_self\" target=\"_self\" >C-638-09<\/a><\/h4>\n<div class=\"pt-cv-content\">\u00a0 \u00a0 Sentencia \u00a0C-638-09 \u00a0\u00a0 CONVENIO \u00a0SOBRE LA OBTENCION DE PRUEBAS EN EL \u00a0EXTRANJERO EN MATERIA CIVIL O COMERCIAL \u00a0\u00a0 CONTROL \u00a0DE \u00a0CONSTITUCIONALIDAD \u00a0DE \u00a0TRATADO \u00a0INTERNACIONAL \u00a0 \u00a0 \u00a0 \u00a0 \u00a0 \u00a0 \u00a0Y \u00a0 \u00a0 \u00a0 \u00a0 \u00a0 \u00a0 LEY \u00a0 \u00a0 \u00a0 \u00a0 \u00a0 \u00a0 APROBATORIA-Caracter\u00edsticas \u00a0\u00a0 CONTROL \u00a0DE \u00a0CONSTITUCIONALIDAD \u00a0DE \u00a0TRATADO \u00a0INTERNACIONAL \u00a0Y \u00a0LEY \u00a0APROBATORIA-Alcance respecto de \u00a0vicios de procedimiento \u00a0\u00a0 LEY \u00a0 \u00a0 APROBATORIA \u00a0 \u00a0 DE \u00a0 \u00a0 TRATADO \u00a0INTERNACIONAL-No \u00a0 alteraci\u00f3n \u00a0 de \u00a0 contenido \u00a0 por \u00a0legislador\/TRATADO \u00a0 \u00a0 \u00a0 MULTILATERAL-Reservas y declaraciones interpretativas \u00a0\u00a0 CONTROL \u00a0DE \u00a0CONSTITUCIONALIDAD \u00a0DE \u00a0TRATADO \u00a0INTERNACIONAL \u00a0Y \u00a0LEY \u00a0APROBATORIA-Alcance ...<br \/><div class=\"pt-cv-rmwrap\"><a href=\"https:\/\/www.dmsjuridica.com\/buscador_20179478954\/corteconstitucionalcronologico202454587\/c-638-09\/\" class=\"_self pt-cv-readmore btn btn-success\" target=\"_self\">Ver Sentencia Completa...<\/a><\/div><\/div><\/div><\/div>\n<div class=\"col-md-12 col-sm-12 col-xs-12 pt-cv-content-item pt-cv-1-col\" ><div class='pt-cv-ifield'><a href=\"https:\/\/www.dmsjuridica.com\/buscador_20179478954\/corteconstitucionalcronologico202454587\/c-637-09\/\" class=\"_self pt-cv-href-thumbnail pt-cv-thumb-default\" target=\"_self\" ><\/a>\n<div class=\"pt-cv-taxoterm above_title\"><a href='https:\/\/www.dmsjuridica.com\/buscador_20179478954\/corteconstitucionalcronologico202454587\/category\/buscar-en-toda-la-corte\/2009\/sentencias-2009\/' title='Sentencias 2009' class='pt-cv-tax-sentencias-2009'>Sentencias 2009<\/a><\/div>\n<h4 class=\"pt-cv-title\"><a href=\"https:\/\/www.dmsjuridica.com\/buscador_20179478954\/corteconstitucionalcronologico202454587\/c-637-09\/\" class=\"_self\" target=\"_self\" >C-637-09<\/a><\/h4>\n<div class=\"pt-cv-content\">\u00a0 \u00a0 SENTENCIA C-637-09 \u00a0 (Septiembre 16, Bogot\u00e1 DC) \u00a0 DEMANDA \u00a0DE \u00a0INCONSTITUCIONALIDAD POR OMISION \u00a0LEGISLATIVA \u00a0 \u00a0 \u00a0RELATIVA-Inexistencia\/FALSEDAD \u00a0 EN \u00a0DOCUMENTO \u00a0PRIVADO-Conducta \u00a0descrita \u00a0en \u00a0tipo \u00a0penal \u00a0comprende \u00a0tanto \u00a0la \u00a0falsedad \u00a0ideol\u00f3gica \u00a0como \u00a0la \u00a0material \u00a0\u00a0 De acuerdo con las reglas del derecho viviente \u00a0y \u00a0con \u00a0base en la jurisprudencia consistente y reiterada de la Corte Suprema de \u00a0Justicia, \u00a0int\u00e9rprete \u00a0autorizado \u00a0de \u00a0la \u00a0ley, \u00a0se \u00a0ha entendido que cuando el \u00a0legislador \u00a0se \u00a0refiere \u00a0a \u00a0la falsedad, a secas, incluye las dos modalidades en \u00a0que \u00a0la \u00a0misma \u00a0es \u00a0posible, esto es, que el tipo penal previsto en el art\u00edculo \u00a0289 \u00a0de ...<br \/><div class=\"pt-cv-rmwrap\"><a href=\"https:\/\/www.dmsjuridica.com\/buscador_20179478954\/corteconstitucionalcronologico202454587\/c-637-09\/\" class=\"_self pt-cv-readmore btn btn-success\" target=\"_self\">Ver Sentencia Completa...<\/a><\/div><\/div><\/div><\/div>\n<div class=\"col-md-12 col-sm-12 col-xs-12 pt-cv-content-item pt-cv-1-col\" ><div class='pt-cv-ifield'><a href=\"https:\/\/www.dmsjuridica.com\/buscador_20179478954\/corteconstitucionalcronologico202454587\/c-636-09\/\" class=\"_self pt-cv-href-thumbnail pt-cv-thumb-default\" target=\"_self\" ><\/a>\n<div class=\"pt-cv-taxoterm above_title\"><a href='https:\/\/www.dmsjuridica.com\/buscador_20179478954\/corteconstitucionalcronologico202454587\/category\/buscar-en-toda-la-corte\/2009\/sentencias-2009\/' title='Sentencias 2009' class='pt-cv-tax-sentencias-2009'>Sentencias 2009<\/a><\/div>\n<h4 class=\"pt-cv-title\"><a href=\"https:\/\/www.dmsjuridica.com\/buscador_20179478954\/corteconstitucionalcronologico202454587\/c-636-09\/\" class=\"_self\" target=\"_self\" >C-636-09<\/a><\/h4>\n<div class=\"pt-cv-content\">\u00a0 \u00a0 SENTENCIA C-636-09 \u00a0 INHIBICION \u00a0 \u00a0 \u00a0DE \u00a0 \u00a0 \u00a0LA \u00a0 \u00a0 \u00a0CORTE \u00a0CONSTITUCIONAL-Improcedencia por configurarse un cargo \u00a0de inconstitucionalidad \u00a0\u00a0 CONTROL \u00a0 DE \u00a0CONSTITUCIONALIDAD \u00a0DE \u00a0NORMA \u00a0MODIFICADA-Competencia \u00a0de la Corte frente a norma que \u00a0contin\u00faa \u00a0produciendo \u00a0efectos \u00a0jur\u00eddicos\/CONTROL DE \u00a0CONSTITUCIONALIDAD \u00a0DE \u00a0NORMA MODIFICATORIA-Procedencia \u00a0respecto \u00a0de \u00a0norma vigente que reproduce contenido normativo de la disposici\u00f3n \u00a0demandada \u00a0\u00a0 La \u00a0Ley \u00a0599 de 2000, si bien fue modificada, \u00a0sigue \u00a0 produciendo \u00a0 efectos \u00a0 jur\u00eddicos, \u00a0por \u00a0lo \u00a0tanto \u00a0la \u00a0Corte \u00a0conserva \u00a0competencia, \u00a0pues su pronunciamiento es relevante para evitar que tales efectos \u00a0se \u00a0perpet\u00faen \u00a0y \u00a0para \u00a0excluir, \u00a0hacia \u00a0el \u00a0futuro, ...<br \/><div class=\"pt-cv-rmwrap\"><a href=\"https:\/\/www.dmsjuridica.com\/buscador_20179478954\/corteconstitucionalcronologico202454587\/c-636-09\/\" class=\"_self pt-cv-readmore btn btn-success\" target=\"_self\">Ver Sentencia Completa...<\/a><\/div><\/div><\/div><\/div>\n<div class=\"col-md-12 col-sm-12 col-xs-12 pt-cv-content-item pt-cv-1-col\" ><div class='pt-cv-ifield'><a href=\"https:\/\/www.dmsjuridica.com\/buscador_20179478954\/corteconstitucionalcronologico202454587\/c-615-09\/\" class=\"_self pt-cv-href-thumbnail pt-cv-thumb-default\" target=\"_self\" ><\/a>\n<div class=\"pt-cv-taxoterm above_title\"><a href='https:\/\/www.dmsjuridica.com\/buscador_20179478954\/corteconstitucionalcronologico202454587\/category\/buscar-en-toda-la-corte\/2009\/sentencias-2009\/' title='Sentencias 2009' class='pt-cv-tax-sentencias-2009'>Sentencias 2009<\/a><\/div>\n<h4 class=\"pt-cv-title\"><a href=\"https:\/\/www.dmsjuridica.com\/buscador_20179478954\/corteconstitucionalcronologico202454587\/c-615-09\/\" class=\"_self\" target=\"_self\" >C-615-09<\/a><\/h4>\n<div class=\"pt-cv-content\">\u00a0 \u00a0 Sentencia C-615-09 \u00a0\u00a0 Referencia: expediente LAT-335 \u00a0 Revisi\u00f3n \u00a0autom\u00e1tica \u00a0del \u00a0\u201cAcuerdo \u00a0para \u00a0el \u00a0Desarrollo \u00a0Integral \u00a0y Asistencia B\u00e1sica de las \u00a0Poblaciones \u00a0Ind\u00edgenas \u00a0Way\u00fau \u00a0de la Rep\u00fablica de Colombia y de la Rep\u00fablica \u00a0de \u00a0Venezuela\u201d, \u00a0firmado \u00a0en \u00a0Caracas el tres (3) de \u00a0mayo \u00a0de \u00a01990, \u00a0as\u00ed \u00a0como \u00a0de \u00a0la \u00a0Ley \u00a01214 \u00a0de \u00a02008, \u00a0mediante \u00a0la cual fue \u00a0aprobado. \u00a0\u00a0 Dr. \u00a0HUMBERTO \u00a0ANTONIO \u00a0SIERRA PORTO \u00a0\u00a0 Bogot\u00e1, \u00a0D.C., dos (2) de septiembre de dos \u00a0mil nueve (2009) \u00a0\u00a0 La Sala Plena de la Corte Constitucional, en \u00a0cumplimiento \u00a0de \u00a0sus \u00a0atribuciones \u00a0constitucionales \u00a0y \u00a0de \u00a0los \u00a0requisitos \u00a0y \u00a0tr\u00e1mite \u00a0 establecidos \u00a0 ...<br \/><div class=\"pt-cv-rmwrap\"><a href=\"https:\/\/www.dmsjuridica.com\/buscador_20179478954\/corteconstitucionalcronologico202454587\/c-615-09\/\" class=\"_self pt-cv-readmore btn btn-success\" target=\"_self\">Ver Sentencia Completa...<\/a><\/div><\/div><\/div><\/div>\n<div class=\"col-md-12 col-sm-12 col-xs-12 pt-cv-content-item pt-cv-1-col\" ><div class='pt-cv-ifield'><a href=\"https:\/\/www.dmsjuridica.com\/buscador_20179478954\/corteconstitucionalcronologico202454587\/c-614-09\/\" class=\"_self pt-cv-href-thumbnail pt-cv-thumb-default\" target=\"_self\" ><\/a>\n<div class=\"pt-cv-taxoterm above_title\"><a href='https:\/\/www.dmsjuridica.com\/buscador_20179478954\/corteconstitucionalcronologico202454587\/category\/buscar-en-toda-la-corte\/2009\/sentencias-2009\/' title='Sentencias 2009' class='pt-cv-tax-sentencias-2009'>Sentencias 2009<\/a><\/div>\n<h4 class=\"pt-cv-title\"><a href=\"https:\/\/www.dmsjuridica.com\/buscador_20179478954\/corteconstitucionalcronologico202454587\/c-614-09\/\" class=\"_self\" target=\"_self\" >C-614-09<\/a><\/h4>\n<div class=\"pt-cv-content\">\u00a0 \u00a0 Sentencia C-614-09 \u00a0 CONTRATO \u00a0 \u00a0 DE \u00a0 \u00a0 PRESTACION \u00a0 \u00a0 DE \u00a0SERVICIOS-Prohibici\u00f3n \u00a0de celebraci\u00f3n para ejercicio \u00a0de funciones de car\u00e1cter permanente se ajusta a la Constituci\u00f3n \u00a0\u00a0 La \u00a0Corte encuentra que la prohibici\u00f3n a la \u00a0administraci\u00f3n \u00a0p\u00fablica de celebrar contratos de prestaci\u00f3n de servicios para \u00a0el \u00a0ejercicio de funciones de car\u00e1cter permanente se ajusta a la Constituci\u00f3n, \u00a0porque \u00a0constituye \u00a0una \u00a0medida \u00a0de \u00a0protecci\u00f3n \u00a0a la \u00a0relaci\u00f3n \u00a0laboral, \u00a0ya que no s\u00f3lo impide que se oculten verdaderas relaciones \u00a0laborales, \u00a0sino tambi\u00e9n que se desnaturalice la contrataci\u00f3n estatal, pues el \u00a0contrato \u00a0de \u00a0prestaci\u00f3n de servicios es una modalidad ...<br \/><div class=\"pt-cv-rmwrap\"><a href=\"https:\/\/www.dmsjuridica.com\/buscador_20179478954\/corteconstitucionalcronologico202454587\/c-614-09\/\" class=\"_self pt-cv-readmore btn btn-success\" target=\"_self\">Ver Sentencia Completa...<\/a><\/div><\/div><\/div><\/div>\n<div class=\"col-md-12 col-sm-12 col-xs-12 pt-cv-content-item pt-cv-1-col\" ><div class='pt-cv-ifield'><a href=\"https:\/\/www.dmsjuridica.com\/buscador_20179478954\/corteconstitucionalcronologico202454587\/c-613-09\/\" class=\"_self pt-cv-href-thumbnail pt-cv-thumb-default\" target=\"_self\" ><\/a>\n<div class=\"pt-cv-taxoterm above_title\"><a href='https:\/\/www.dmsjuridica.com\/buscador_20179478954\/corteconstitucionalcronologico202454587\/category\/buscar-en-toda-la-corte\/2009\/sentencias-2009\/' title='Sentencias 2009' class='pt-cv-tax-sentencias-2009'>Sentencias 2009<\/a><\/div>\n<h4 class=\"pt-cv-title\"><a href=\"https:\/\/www.dmsjuridica.com\/buscador_20179478954\/corteconstitucionalcronologico202454587\/c-613-09\/\" class=\"_self\" target=\"_self\" >C-613-09<\/a><\/h4>\n<div class=\"pt-cv-content\">\u00a0 \u00a0 Sentencia C-613-09 \u00a0 INHIBICION \u00a0DE \u00a0LA \u00a0CORTE \u00a0CONSTITUCIONAL POR \u00a0INEPTITUD \u00a0SUSTANTIVA DE LA DEMANDA-Ausencia de certeza \u00a0y especificidad en los cargos de inconstitucionalidad \u00a0\u00a0 ACCION \u00a0 \u00a0 \u00a0 \u00a0PUBLICA \u00a0 \u00a0 \u00a0 \u00a0DE \u00a0INCONSTITUCIONALIDAD-Requisitos \u00a0 \u00a0 \u00a0 \u00a0 \u00a0 de \u00a0procedibilidad \u00a0\u00a0 DEMANDA \u00a0 DE \u00a0 INCONSTITUCIONALIDAD \u00a0 POR \u00a0VULNERACION \u00a0 \u00a0 \u00a0 \u00a0 DEL \u00a0 \u00a0 \u00a0 \u00a0 PRINCIPIO \u00a0 \u00a0 \u00a0 \u00a0DE \u00a0 \u00a0 \u00a0 \u00a0IGUALDAD-Requisitos \u00a0\u00a0 Referencia: expediente D-7623 \u00a0 Demandante: \u00a0 Diter \u00a0 Ra\u00fal \u00a0 Castrill\u00f3n \u00a0Oberndorfer \u00a0\u00a0 Demanda \u00a0de \u00a0inconstitucionalidad \u00a0contra \u00a0el \u00a0numeral 8\u00b0 (parcial) del art\u00edculo 3\u00b0 de la Ley 1274 de ...<br \/><div class=\"pt-cv-rmwrap\"><a href=\"https:\/\/www.dmsjuridica.com\/buscador_20179478954\/corteconstitucionalcronologico202454587\/c-613-09\/\" class=\"_self pt-cv-readmore btn btn-success\" target=\"_self\">Ver Sentencia Completa...<\/a><\/div><\/div><\/div><\/div>\n<div class=\"col-md-12 col-sm-12 col-xs-12 pt-cv-content-item pt-cv-1-col\" ><div class='pt-cv-ifield'><a href=\"https:\/\/www.dmsjuridica.com\/buscador_20179478954\/corteconstitucionalcronologico202454587\/c-588-09\/\" class=\"_self pt-cv-href-thumbnail pt-cv-thumb-default\" target=\"_self\" ><\/a>\n<div class=\"pt-cv-taxoterm above_title\"><a href='https:\/\/www.dmsjuridica.com\/buscador_20179478954\/corteconstitucionalcronologico202454587\/category\/buscar-en-toda-la-corte\/2009\/sentencias-2009\/' title='Sentencias 2009' class='pt-cv-tax-sentencias-2009'>Sentencias 2009<\/a><\/div>\n<h4 class=\"pt-cv-title\"><a href=\"https:\/\/www.dmsjuridica.com\/buscador_20179478954\/corteconstitucionalcronologico202454587\/c-588-09\/\" class=\"_self\" target=\"_self\" >C-588-09<\/a><\/h4>\n<div class=\"pt-cv-content\">\u00a0 \u00a0 Sentencia C-588-09 \u00a0 \u00a0 \u00a0 ACTO LEGISLATIVO DE INSCRIPCION EXTRAORDINARIA \u00a0EN \u00a0 \u00a0 \u00a0CARRERA \u00a0 \u00a0 \u00a0ADMINISTRATIVA \u00a0 \u00a0 SIN \u00a0 \u00a0 PREVIO \u00a0 \u00a0 CONCURSO-Inconstitucional \u00a0 por \u00a0 sustituci\u00f3n \u00a0 parcial \u00a0y \u00a0temporal \u00a0de \u00a0la \u00a0Constituci\u00f3n \u00a0\u00a0 \u00a0 \u00a0 La \u00a0sustituci\u00f3n \u00a0temporal \u00a0y \u00a0parcial \u00a0de la \u00a0Constituci\u00f3n \u00a0ha \u00a0sido \u00a0detectada \u00a0con \u00a0fundamento en el examen estricto que la \u00a0Corte \u00a0 debe \u00a0 adelantar \u00a0siempre \u00a0que \u00a0las \u00a0modificaciones \u00a0introducidas \u00a0a \u00a0la \u00a0Constituci\u00f3n, \u00a0so \u00a0pretexto \u00a0de \u00a0reformarla, \u00a0carezcan del car\u00e1cter permanente \u00a0propio \u00a0 de \u00a0 las \u00a0constituciones, \u00a0except\u00faen \u00a0supuestos \u00a0normativos \u00a0en \u00a0ellas \u00a0establecidos \u00a0y \u00a0afecten \u00a0su \u00edndole escrita, mediante ...<br \/><div class=\"pt-cv-rmwrap\"><a href=\"https:\/\/www.dmsjuridica.com\/buscador_20179478954\/corteconstitucionalcronologico202454587\/c-588-09\/\" class=\"_self pt-cv-readmore btn btn-success\" target=\"_self\">Ver Sentencia Completa...<\/a><\/div><\/div><\/div><\/div>\n<div class=\"col-md-12 col-sm-12 col-xs-12 pt-cv-content-item pt-cv-1-col\" ><div class='pt-cv-ifield'><a href=\"https:\/\/www.dmsjuridica.com\/buscador_20179478954\/corteconstitucionalcronologico202454587\/c-578-09\/\" class=\"_self pt-cv-href-thumbnail pt-cv-thumb-default\" target=\"_self\" ><\/a>\n<div class=\"pt-cv-taxoterm above_title\"><a href='https:\/\/www.dmsjuridica.com\/buscador_20179478954\/corteconstitucionalcronologico202454587\/category\/buscar-en-toda-la-corte\/2009\/sentencias-2009\/' title='Sentencias 2009' class='pt-cv-tax-sentencias-2009'>Sentencias 2009<\/a><\/div>\n<h4 class=\"pt-cv-title\"><a href=\"https:\/\/www.dmsjuridica.com\/buscador_20179478954\/corteconstitucionalcronologico202454587\/c-578-09\/\" class=\"_self\" target=\"_self\" >C-578-09<\/a><\/h4>\n<div class=\"pt-cv-content\">\u00a0 \u00a0 Sentencia C-578-09 \u00a0 Referencia: expediente D-7666 \u00a0 Demandante: \u00a0Arelix \u00a0Fernanda Palacios Valderrama. \u00a0\u00a0 Demanda \u00a0de \u00a0inconstitucionalidad \u00a0contra los \u00a0art\u00edculos \u00a0157, \u00a0literal \u00a0A, \u00a0numeral \u00a01\u00ba \u00a0(parcial); \u00a0y \u00a0204, \u00a0par\u00e1grafo 2\u00ba \u00a0(parcial) \u00a0de la Ley 100 de 1993 \u201cpor la cual se crea \u00a0el \u00a0 \u00a0sistema \u00a0 \u00a0de \u00a0 \u00a0seguridad \u00a0 \u00a0social \u00a0 \u00a0integral \u00a0 y \u00a0 se \u00a0 dictan \u00a0 otras \u00a0disposiciones\u201d \u00a0\u00a0 Magistrado \u00a0 \u00a0 \u00a0Ponente: \u00a0\u00a0 Dr. JUAN CARLOS HENAO P\u00c9REZ \u00a0 Bogot\u00e1, \u00a0D.C., veintis\u00e9is (26) de agosto de \u00a0dos mil nueve (2009). \u00a0\u00a0 La \u00a0Sala Plena de la Corte Constitucional, en \u00a0ejercicio \u00a0de \u00a0sus \u00a0atribuciones \u00a0constitucionales ...<br \/><div class=\"pt-cv-rmwrap\"><a href=\"https:\/\/www.dmsjuridica.com\/buscador_20179478954\/corteconstitucionalcronologico202454587\/c-578-09\/\" class=\"_self pt-cv-readmore btn btn-success\" target=\"_self\">Ver Sentencia Completa...<\/a><\/div><\/div><\/div><\/div>\n<div class=\"col-md-12 col-sm-12 col-xs-12 pt-cv-content-item pt-cv-1-col\" ><div class='pt-cv-ifield'><a href=\"https:\/\/www.dmsjuridica.com\/buscador_20179478954\/corteconstitucionalcronologico202454587\/c-577-09\/\" class=\"_self pt-cv-href-thumbnail pt-cv-thumb-default\" target=\"_self\" ><\/a>\n<div class=\"pt-cv-taxoterm above_title\"><a href='https:\/\/www.dmsjuridica.com\/buscador_20179478954\/corteconstitucionalcronologico202454587\/category\/buscar-en-toda-la-corte\/2009\/sentencias-2009\/' title='Sentencias 2009' class='pt-cv-tax-sentencias-2009'>Sentencias 2009<\/a><\/div>\n<h4 class=\"pt-cv-title\"><a href=\"https:\/\/www.dmsjuridica.com\/buscador_20179478954\/corteconstitucionalcronologico202454587\/c-577-09\/\" class=\"_self\" target=\"_self\" >C-577-09<\/a><\/h4>\n<div class=\"pt-cv-content\">\u00a0 \u00a0 Sentencia C-577-09 \u00a0 Revisi\u00f3n \u00a0autom\u00e1tica \u00a0del \u00a0\u201cConvenio \u00a0entre \u00a0la \u00a0Rep\u00fablica de Chile y la Rep\u00fablica de Colombia \u00a0para \u00a0evitar \u00a0la \u00a0doble \u00a0imposici\u00f3n \u00a0y \u00a0para \u00a0prevenir \u00a0la \u00a0evasi\u00f3n \u00a0fiscal en \u00a0relaci\u00f3n \u00a0al \u00a0impuesto \u00a0a la renta y al patrimonio, y el Protocolo del Convenio \u00a0entre \u00a0la \u00a0Rep\u00fablica \u00a0de Chile y la Rep\u00fablica de Colombia para evitar la doble \u00a0imposici\u00f3n \u00a0y \u00a0para \u00a0prevenir \u00a0la evasi\u00f3n fiscal en relaci\u00f3n al impuesto a la \u00a0renta \u00a0y al patrimonio\u201d, hechos y firmados en Bogot\u00e1 \u00a0el \u00a019 \u00a0de \u00a0abril \u00a0de \u00a02007, \u00a0as\u00ed como de la Ley 1261 de 2008, mediante la cual \u00a0fueron aprobados ...<br \/><div class=\"pt-cv-rmwrap\"><a href=\"https:\/\/www.dmsjuridica.com\/buscador_20179478954\/corteconstitucionalcronologico202454587\/c-577-09\/\" class=\"_self pt-cv-readmore btn btn-success\" target=\"_self\">Ver Sentencia Completa...<\/a><\/div><\/div><\/div><\/div>\n<div class=\"col-md-12 col-sm-12 col-xs-12 pt-cv-content-item pt-cv-1-col\" ><div class='pt-cv-ifield'><a href=\"https:\/\/www.dmsjuridica.com\/buscador_20179478954\/corteconstitucionalcronologico202454587\/c-576-09\/\" class=\"_self pt-cv-href-thumbnail pt-cv-thumb-default\" target=\"_self\" ><\/a>\n<div class=\"pt-cv-taxoterm above_title\"><a href='https:\/\/www.dmsjuridica.com\/buscador_20179478954\/corteconstitucionalcronologico202454587\/category\/buscar-en-toda-la-corte\/2009\/sentencias-2009\/' title='Sentencias 2009' class='pt-cv-tax-sentencias-2009'>Sentencias 2009<\/a><\/div>\n<h4 class=\"pt-cv-title\"><a href=\"https:\/\/www.dmsjuridica.com\/buscador_20179478954\/corteconstitucionalcronologico202454587\/c-576-09\/\" class=\"_self\" target=\"_self\" >C-576-09<\/a><\/h4>\n<div class=\"pt-cv-content\">\u00a0 \u00a0 Sentencia C-576-09 \u00a0 INHIBICION \u00a0 \u00a0 \u00a0DE \u00a0 \u00a0 \u00a0LA \u00a0 \u00a0 \u00a0CORTE \u00a0CONSTITUCIONAL-Incumplimiento \u00a0de \u00a0requisitos m\u00ednimos \u00a0de procedibilidad \u00a0\u00a0 ACCION \u00a0 \u00a0 \u00a0 \u00a0PUBLICA \u00a0 \u00a0 \u00a0 \u00a0DE \u00a0INCONSTITUCIONALIDAD-Requisitos \u00a0 \u00a0 \u00a0 \u00a0 \u00a0 de \u00a0procedibilidad \u00a0\u00a0 \u00a0 \u00a0 INHIBICION \u00a0 \u00a0 \u00a0DE \u00a0 \u00a0 \u00a0LA \u00a0 \u00a0 \u00a0CORTE \u00a0CONSTITUCIONAL-Ineptitud \u00a0 \u00a0 sustantiva \u00a0 \u00a0de \u00a0 \u00a0la \u00a0demanda \u00a0\u00a0 Referencia: expediente D-7622 \u00a0 Asunto: Demanda de inconstitucionalidad contra \u00a0los \u00a0numerales \u00a02\u00b0 (parcial) y 5\u00b0 (parcial) del art\u00edculo 271 de la Ley 599 de \u00a02000, modificado por el art\u00edculo 2\u00b0 de la Ley 1032 de 2006. \u00a0\u00a0 Demandante: ...<br \/><div class=\"pt-cv-rmwrap\"><a href=\"https:\/\/www.dmsjuridica.com\/buscador_20179478954\/corteconstitucionalcronologico202454587\/c-576-09\/\" class=\"_self pt-cv-readmore btn btn-success\" target=\"_self\">Ver Sentencia Completa...<\/a><\/div><\/div><\/div><\/div>\n<div class=\"col-md-12 col-sm-12 col-xs-12 pt-cv-content-item pt-cv-1-col\" ><div class='pt-cv-ifield'><a href=\"https:\/\/www.dmsjuridica.com\/buscador_20179478954\/corteconstitucionalcronologico202454587\/c-575-09\/\" class=\"_self pt-cv-href-thumbnail pt-cv-thumb-default\" target=\"_self\" ><\/a>\n<div class=\"pt-cv-taxoterm above_title\"><a href='https:\/\/www.dmsjuridica.com\/buscador_20179478954\/corteconstitucionalcronologico202454587\/category\/buscar-en-toda-la-corte\/2009\/sentencias-2009\/' title='Sentencias 2009' class='pt-cv-tax-sentencias-2009'>Sentencias 2009<\/a><\/div>\n<h4 class=\"pt-cv-title\"><a href=\"https:\/\/www.dmsjuridica.com\/buscador_20179478954\/corteconstitucionalcronologico202454587\/c-575-09\/\" class=\"_self\" target=\"_self\" >C-575-09<\/a><\/h4>\n<div class=\"pt-cv-content\">\u00a0 \u00a0 Sentencia C-575-09 \u00a0 INHIBICION \u00a0 \u00a0 \u00a0DE \u00a0 \u00a0 \u00a0LA \u00a0 \u00a0 \u00a0CORTE \u00a0CONSTITUCIONAL-Improcedencia por existencia de razones \u00a0que justifican un pronunciamiento de fondo \u00a0\u00a0 ULTRAJE \u00a0 \u00a0A \u00a0 \u00a0EMBLEMAS \u00a0 \u00a0O \u00a0 \u00a0SIMBOLOS \u00a0PATRIOS-Penalizaci\u00f3n \u00a0 de \u00a0 la \u00a0 conducta \u00a0 resulta \u00a0desproporcionada\/PRINCIPIO \u00a0DE \u00a0FRAGMENTARIEDAD \u00a0EN EL \u00a0DERECHO \u00a0 \u00a0 \u00a0 \u00a0 \u00a0PENAL-Aplicaci\u00f3n\/PRINCIPIO \u00a0 \u00a0 DE \u00a0 \u00a0 NECESIDAD \u00a0 \u00a0EN \u00a0 \u00a0DERECHO \u00a0 \u00a0PENAL-Ultima ratio \u00a0\u00a0 La \u00a0remisi\u00f3n \u00a0al derecho penal como estatuto \u00a0sancionatorio \u00a0debe \u00a0operar \u00a0\u00fanicamente \u00a0cuando \u00a0las \u00a0medidas incorporadas para \u00a0controlar \u00a0los \u00a0fen\u00f3menos \u00a0antisociales han sido puestas en marcha sin \u00e9xito o \u00a0cuando \u00a0\u00e9stas ...<br \/><div class=\"pt-cv-rmwrap\"><a href=\"https:\/\/www.dmsjuridica.com\/buscador_20179478954\/corteconstitucionalcronologico202454587\/c-575-09\/\" class=\"_self pt-cv-readmore btn btn-success\" target=\"_self\">Ver Sentencia Completa...<\/a><\/div><\/div><\/div><\/div>\n<div class=\"col-md-12 col-sm-12 col-xs-12 pt-cv-content-item pt-cv-1-col\" ><div class='pt-cv-ifield'><a href=\"https:\/\/www.dmsjuridica.com\/buscador_20179478954\/corteconstitucionalcronologico202454587\/c-559-09\/\" class=\"_self pt-cv-href-thumbnail pt-cv-thumb-default\" target=\"_self\" ><\/a>\n<div class=\"pt-cv-taxoterm above_title\"><a href='https:\/\/www.dmsjuridica.com\/buscador_20179478954\/corteconstitucionalcronologico202454587\/category\/buscar-en-toda-la-corte\/2009\/sentencias-2009\/' title='Sentencias 2009' class='pt-cv-tax-sentencias-2009'>Sentencias 2009<\/a><\/div>\n<h4 class=\"pt-cv-title\"><a href=\"https:\/\/www.dmsjuridica.com\/buscador_20179478954\/corteconstitucionalcronologico202454587\/c-559-09\/\" class=\"_self\" target=\"_self\" >C-559-09<\/a><\/h4>\n<div class=\"pt-cv-content\">\u00a0 \u00a0 Sentencia C-559-09 \u00a0 INTERROGATORIO \u00a0 DE \u00a0 PARTE \u00a0 EN \u00a0 PROCESO \u00a0CIVIL-Pr\u00e1ctica \u00a0 no \u00a0 vulnera \u00a0el \u00a0principio \u00a0de \u00a0no \u00a0autoincriminaci\u00f3n \u00a0\u00a0 El art\u00edculo 208 del C\u00f3digo de Procedimiento \u00a0Civil, \u00a0modificado \u00a0por el art\u00edculo 21 de la Ley 794 de 2003, en su inciso 7\u00ba, \u00a0determina \u00a0que \u00a0si \u00a0el \u00a0interrogado \u00a0se \u00a0negare \u00a0a \u00a0contestar o diere respuestas \u00a0evasivas \u00a0o \u00a0inconducentes, \u00a0el juez lo amonestar\u00e1 para que responda o para que \u00a0lo \u00a0haga \u00a0expl\u00edcitamente, \u00a0con \u00a0prevenci\u00f3n \u00a0sobre los efectos de su renuencia, \u00a0norma \u00a0que \u00a0lo \u00a0que \u00a0prev\u00e9 \u00a0es \u00a0que \u00a0el \u00a0interrogado responda de manera clara y \u00a0directa, \u00a0inform\u00e1ndole ...<br \/><div class=\"pt-cv-rmwrap\"><a href=\"https:\/\/www.dmsjuridica.com\/buscador_20179478954\/corteconstitucionalcronologico202454587\/c-559-09\/\" class=\"_self pt-cv-readmore btn btn-success\" target=\"_self\">Ver Sentencia Completa...<\/a><\/div><\/div><\/div><\/div>\n<div class=\"col-md-12 col-sm-12 col-xs-12 pt-cv-content-item pt-cv-1-col\" ><div class='pt-cv-ifield'><a href=\"https:\/\/www.dmsjuridica.com\/buscador_20179478954\/corteconstitucionalcronologico202454587\/c-558-09\/\" class=\"_self pt-cv-href-thumbnail pt-cv-thumb-default\" target=\"_self\" ><\/a>\n<div class=\"pt-cv-taxoterm above_title\"><a href='https:\/\/www.dmsjuridica.com\/buscador_20179478954\/corteconstitucionalcronologico202454587\/category\/buscar-en-toda-la-corte\/2009\/sentencias-2009\/' title='Sentencias 2009' class='pt-cv-tax-sentencias-2009'>Sentencias 2009<\/a><\/div>\n<h4 class=\"pt-cv-title\"><a href=\"https:\/\/www.dmsjuridica.com\/buscador_20179478954\/corteconstitucionalcronologico202454587\/c-558-09\/\" class=\"_self\" target=\"_self\" >C-558-09<\/a><\/h4>\n<div class=\"pt-cv-content\">\u00a0 \u00a0 Sentencia \u00a0C-558-09 \u00a0\u00a0 DEMANDA \u00a0DE \u00a0INCONSTITUCIONALIDAD POR OMISION \u00a0LEGISLATIVA RELATIVA-Requisitos \u00a0\u00a0 La \u00a0 jurisprudencia \u00a0 constitucional \u00a0 ha \u00a0puntualizado \u00a0que \u00a0cuando \u00a0se plantea una demanda de inconstitucionalidad que se \u00a0fundamenta \u00a0en \u00a0una \u00a0pretendida \u00a0omisi\u00f3n \u00a0legislativa, \u00a0para que la Corte pueda \u00a0emitir \u00a0un \u00a0pronunciamiento \u00a0de \u00a0fondo es necesario que se trate de una omisi\u00f3n \u00a0relativa, \u00a0no \u00a0absoluta, \u00a0y \u00a0que \u00a0la \u00a0demanda se dirija contra las normas de las \u00a0cuales \u00a0se \u00a0extraiga \u00a0en \u00a0forma \u00a0directa \u00a0la \u00a0materia que ha sido omitida por el \u00a0legislador. \u00a0Asimismo, \u00a0ha \u00a0se\u00f1alado \u00a0que \u00a0cuando \u00a0se \u00a0trate de una demanda por \u00a0omisi\u00f3n \u00a0legislativa, \u00a0como \u00a0presupuesto \u00a0para ...<br \/><div class=\"pt-cv-rmwrap\"><a href=\"https:\/\/www.dmsjuridica.com\/buscador_20179478954\/corteconstitucionalcronologico202454587\/c-558-09\/\" class=\"_self pt-cv-readmore btn btn-success\" target=\"_self\">Ver Sentencia Completa...<\/a><\/div><\/div><\/div><\/div>\n<div class=\"col-md-12 col-sm-12 col-xs-12 pt-cv-content-item pt-cv-1-col\" ><div class='pt-cv-ifield'><a href=\"https:\/\/www.dmsjuridica.com\/buscador_20179478954\/corteconstitucionalcronologico202454587\/c-557-09\/\" class=\"_self pt-cv-href-thumbnail pt-cv-thumb-default\" target=\"_self\" ><\/a>\n<div class=\"pt-cv-taxoterm above_title\"><a href='https:\/\/www.dmsjuridica.com\/buscador_20179478954\/corteconstitucionalcronologico202454587\/category\/buscar-en-toda-la-corte\/2009\/sentencias-2009\/' title='Sentencias 2009' class='pt-cv-tax-sentencias-2009'>Sentencias 2009<\/a><\/div>\n<h4 class=\"pt-cv-title\"><a href=\"https:\/\/www.dmsjuridica.com\/buscador_20179478954\/corteconstitucionalcronologico202454587\/c-557-09\/\" class=\"_self\" target=\"_self\" >C-557-09<\/a><\/h4>\n<div class=\"pt-cv-content\">\u00a0 \u00a0 Sentencia \u00a0 \u00a0 C- \u00a0557-09 \u00a0\u00a0 Referencia: \u00a0expediente D-7587 \u00a0\u00a0 Demanda \u00a0 de \u00a0 inconstitucionalidad \u00a0contra \u00a0expresiones y el par\u00e1grafo del art\u00edculo 37 de la Ley 42 de 1993 \u00a0\u00a0 Demandante: Francisco \u00a0Jose Bautista Villalobos \u00a0\u00a0 Magistrado Ponente: \u00a0 Dr. LUIS ERNESTO VARGAS SILVA \u00a0 Bogot\u00e1, \u00a0D. \u00a0C., \u00a0veinte (20) de agosto del dos mil nueve \u00a0(2009). \u00a0\u00a0 La \u00a0Sala Plena de la Corte Constitucional, en \u00a0cumplimiento \u00a0de \u00a0sus \u00a0atribuciones \u00a0constitucionales \u00a0y \u00a0de \u00a0los \u00a0requisitos \u00a0y \u00a0tr\u00e1mites \u00a0 establecidos \u00a0 en \u00a0 el \u00a0 Decreto \u00a0 2067 \u00a0 de \u00a0 1991, \u00a0 profiere \u00a0 la \u00a0siguiente \u00a0\u00a0 SENTENCIA ...<br \/><div class=\"pt-cv-rmwrap\"><a href=\"https:\/\/www.dmsjuridica.com\/buscador_20179478954\/corteconstitucionalcronologico202454587\/c-557-09\/\" class=\"_self pt-cv-readmore btn btn-success\" target=\"_self\">Ver Sentencia Completa...<\/a><\/div><\/div><\/div><\/div>\n<div class=\"col-md-12 col-sm-12 col-xs-12 pt-cv-content-item pt-cv-1-col\" ><div class='pt-cv-ifield'><a href=\"https:\/\/www.dmsjuridica.com\/buscador_20179478954\/corteconstitucionalcronologico202454587\/c-556-09\/\" class=\"_self pt-cv-href-thumbnail pt-cv-thumb-default\" target=\"_self\" ><\/a>\n<div class=\"pt-cv-taxoterm above_title\"><a href='https:\/\/www.dmsjuridica.com\/buscador_20179478954\/corteconstitucionalcronologico202454587\/category\/buscar-en-toda-la-corte\/2009\/sentencias-2009\/' title='Sentencias 2009' class='pt-cv-tax-sentencias-2009'>Sentencias 2009<\/a><\/div>\n<h4 class=\"pt-cv-title\"><a href=\"https:\/\/www.dmsjuridica.com\/buscador_20179478954\/corteconstitucionalcronologico202454587\/c-556-09\/\" class=\"_self\" target=\"_self\" >C-556-09<\/a><\/h4>\n<div class=\"pt-cv-content\">\u00a0 \u00a0 PENSI\u00d3N \u00a0DE \u00a0SOBREVIVIENTES, REQUISITOS PARA \u00a0OBTENERLA, \u00a0REGRESIVIDAD \u00a0EN \u00a0MATERIA \u00a0DE \u00a0SEGURIDAD \u00a0SOCIAL, \u00a0PRIMAC\u00cdA \u00a0DE LOS \u00a0DERECHOS DE LA PERSONA \u00a0\u00a0 Corte Constitucional. Sala Plena. M. P. Nilson \u00a0Pinilla \u00a0 Pinilla. \u00a0Sentencia \u00a0C-556 \u00a0del \u00a020 \u00a0de \u00a0agosto \u00a0de \u00a02009. \u00a0Expediente \u00a0D-7569. \u00a0\u00a0 S\u00edntesis: \u00a0Demanda \u00a0de \u00a0inconstitucionalidad contra los literales \u00a0a) \u00a0y b) del art\u00edculo 12 de la Ley 797 de 2003, por la cual se reforman algunas \u00a0disposiciones \u00a0del sistema general de pensiones previsto en la Ley 100 de 1993 y \u00a0se \u00a0 adoptan \u00a0disposiciones \u00a0sobre \u00a0los \u00a0Reg\u00edmenes \u00a0Pensionales \u00a0exceptuados \u00a0y \u00a0especiales. \u00a0La exigencia de fidelidad de cotizaci\u00f3n, que ...<br \/><div class=\"pt-cv-rmwrap\"><a href=\"https:\/\/www.dmsjuridica.com\/buscador_20179478954\/corteconstitucionalcronologico202454587\/c-556-09\/\" class=\"_self pt-cv-readmore btn btn-success\" target=\"_self\">Ver Sentencia Completa...<\/a><\/div><\/div><\/div><\/div>\n<div class=\"col-md-12 col-sm-12 col-xs-12 pt-cv-content-item pt-cv-1-col\" ><div class='pt-cv-ifield'><a href=\"https:\/\/www.dmsjuridica.com\/buscador_20179478954\/corteconstitucionalcronologico202454587\/c-523-09\/\" class=\"_self pt-cv-href-thumbnail pt-cv-thumb-default\" target=\"_self\" ><\/a>\n<div class=\"pt-cv-taxoterm above_title\"><a href='https:\/\/www.dmsjuridica.com\/buscador_20179478954\/corteconstitucionalcronologico202454587\/category\/buscar-en-toda-la-corte\/2009\/sentencias-2009\/' title='Sentencias 2009' class='pt-cv-tax-sentencias-2009'>Sentencias 2009<\/a><\/div>\n<h4 class=\"pt-cv-title\"><a href=\"https:\/\/www.dmsjuridica.com\/buscador_20179478954\/corteconstitucionalcronologico202454587\/c-523-09\/\" class=\"_self\" target=\"_self\" >C-523-09<\/a><\/h4>\n<div class=\"pt-cv-content\">\u00a0 \u00a0 Sentencia C-523-09 \u00a0\u00a0 Referencia: expediente D-7612 \u00a0 Demanda \u00a0de \u00a0inconstitucionalidad \u00a0contra \u00a0el \u00a0art\u00edculo 247 (parcial) de la Ley 23 de 1982. \u00a0\u00a0 Demandante: \u00a0 \u00a0Jorge \u00a0 \u00a0Alonso \u00a0 \u00a0Garrido \u00a0Abad. \u00a0\u00a0 Magistrada Ponente: \u00a0 Dra.\u00a0 \u00a0 \u00a0MARIA \u00a0 \u00a0VICTORIA \u00a0 \u00a0CALLE \u00a0CORREA \u00a0\u00a0 Bogot\u00e1, DC., cuatro (04) de agosto de dos mil nueve\u00a0 \u00a0(2009) \u00a0\u00a0 La Sala Plena de la Corte Constitucional, en \u00a0cumplimiento \u00a0de \u00a0sus \u00a0atribuciones \u00a0constitucionales \u00a0y \u00a0de \u00a0los \u00a0requisitos \u00a0y \u00a0tr\u00e1mite \u00a0 establecidos \u00a0 en \u00a0 el \u00a0 Decreto \u00a0 2067 \u00a0de \u00a01991, \u00a0ha \u00a0proferido \u00a0la \u00a0siguiente \u00a0\u00a0 SENTENCIA \u00a0 \u00a0 \u00a0 \u00a0 I. ANTECEDENTES ...<br \/><div class=\"pt-cv-rmwrap\"><a href=\"https:\/\/www.dmsjuridica.com\/buscador_20179478954\/corteconstitucionalcronologico202454587\/c-523-09\/\" class=\"_self pt-cv-readmore btn btn-success\" target=\"_self\">Ver Sentencia Completa...<\/a><\/div><\/div><\/div><\/div>\n<div class=\"col-md-12 col-sm-12 col-xs-12 pt-cv-content-item pt-cv-1-col\" ><div class='pt-cv-ifield'><a href=\"https:\/\/www.dmsjuridica.com\/buscador_20179478954\/corteconstitucionalcronologico202454587\/c-522-09\/\" class=\"_self pt-cv-href-thumbnail pt-cv-thumb-default\" target=\"_self\" ><\/a>\n<div class=\"pt-cv-taxoterm above_title\"><a href='https:\/\/www.dmsjuridica.com\/buscador_20179478954\/corteconstitucionalcronologico202454587\/category\/buscar-en-toda-la-corte\/2009\/sentencias-2009\/' title='Sentencias 2009' class='pt-cv-tax-sentencias-2009'>Sentencias 2009<\/a><\/div>\n<h4 class=\"pt-cv-title\"><a href=\"https:\/\/www.dmsjuridica.com\/buscador_20179478954\/corteconstitucionalcronologico202454587\/c-522-09\/\" class=\"_self\" target=\"_self\" >C-522-09<\/a><\/h4>\n<div class=\"pt-cv-content\">\u00a0 \u00a0 Sentencia \u00a0C-522-09 \u00a0\u00a0 OMISION \u00a0LEGISLATIVA \u00a0RELATIVA-Inexistencia \u00a0en \u00a0norma \u00a0del \u00a0C\u00f3digo \u00a0de \u00a0Procedimiento \u00a0Civil \u00a0que \u00a0precisa \u00a0 las \u00a0 sentencias \u00a0 que \u00a0 no \u00a0 constituyen \u00a0 cosa \u00a0juzgada\/OMISION \u00a0 \u00a0 \u00a0 \u00a0 \u00a0 \u00a0 \u00a0 LEGISLATIVA \u00a0 \u00a0 \u00a0 \u00a0 \u00a0 \u00a0 \u00a0RELATIVA-Incumplimiento de elementos que la configuran \u00a0\u00a0 DEMANDA \u00a0DE \u00a0INCONSTITUCIONALIDAD POR OMISION \u00a0LEGISLATIVA \u00a0RELATIVA \u00a0EN \u00a0NORMA \u00a0DEL CODIGO DE PROCEDIMIENTO CIVIL-Inexistencia \u00a0\u00a0 Se \u00a0plantea \u00a0la \u00a0existencia \u00a0de una omisi\u00f3n \u00a0legislativa \u00a0relativa, \u00a0por cuanto el art\u00edculo 333 del C\u00f3digo de Procedimiento \u00a0Civil, \u00a0que \u00a0determina\u00a0 \u00a0las \u00a0sentencias \u00a0que \u00a0no constituyen cosa juzgada, \u00a0deber\u00eda \u00a0contener \u00a0un supuesto adicional a ...<br \/><div class=\"pt-cv-rmwrap\"><a href=\"https:\/\/www.dmsjuridica.com\/buscador_20179478954\/corteconstitucionalcronologico202454587\/c-522-09\/\" class=\"_self pt-cv-readmore btn btn-success\" target=\"_self\">Ver Sentencia Completa...<\/a><\/div><\/div><\/div><\/div>\n<div class=\"col-md-12 col-sm-12 col-xs-12 pt-cv-content-item pt-cv-1-col\" ><div class='pt-cv-ifield'><a href=\"https:\/\/www.dmsjuridica.com\/buscador_20179478954\/corteconstitucionalcronologico202454587\/c-521-09\/\" class=\"_self pt-cv-href-thumbnail pt-cv-thumb-default\" target=\"_self\" ><\/a>\n<div class=\"pt-cv-taxoterm above_title\"><a href='https:\/\/www.dmsjuridica.com\/buscador_20179478954\/corteconstitucionalcronologico202454587\/category\/buscar-en-toda-la-corte\/2009\/sentencias-2009\/' title='Sentencias 2009' class='pt-cv-tax-sentencias-2009'>Sentencias 2009<\/a><\/div>\n<h4 class=\"pt-cv-title\"><a href=\"https:\/\/www.dmsjuridica.com\/buscador_20179478954\/corteconstitucionalcronologico202454587\/c-521-09\/\" class=\"_self\" target=\"_self\" >C-521-09<\/a><\/h4>\n<div class=\"pt-cv-content\">\u00a0 \u00a0 Sentencia C-521-09 \u00a0 Referencia: expediente D-7578 \u00a0 Actor: \u00a0 Ricardo \u00a0Perilla Uribe. \u00a0\u00a0 Demanda \u00a0de \u00a0inconstitucionalidad \u00a0contra \u00a0el \u00a0art\u00edculo \u00a0 \u00a0211, \u00a0 \u00a0numeral \u00a0 \u00a04\u00b0, \u00a0 \u00a0Ley \u00a0 \u00a0599 \u00a0 \u00a0de \u00a0 \u00a02000 \u00a0 \u00a0\u2013modificado \u00a0por \u00a0el art\u00edculo 7\u00b0 de la \u00a0Ley \u00a0 1236 \u00a0 de \u00a0 2008 \u00a0 \u2013 \u00a0\u2018Por medio de la cual se \u00a0modifican \u00a0algunos \u00a0art\u00edculos \u00a0del \u00a0C\u00f3digo \u00a0Penal relativos a delitos de abuso \u00a0sexual\u2019- \u00a0\u00a0 Magistrada Ponente: \u00a0 Dra. MAR\u00cdA VICTORIA CALLE CORREA \u00a0 Bogot\u00e1, \u00a0D.C., \u00a0cuatro \u00a0(04) \u00a0de \u00a0Agosto de dos mil nueve \u00a0(2009). \u00a0\u00a0 La \u00a0Sala Plena de la Corte Constitucional, en ...<br \/><div class=\"pt-cv-rmwrap\"><a href=\"https:\/\/www.dmsjuridica.com\/buscador_20179478954\/corteconstitucionalcronologico202454587\/c-521-09\/\" class=\"_self pt-cv-readmore btn btn-success\" target=\"_self\">Ver Sentencia Completa...<\/a><\/div><\/div><\/div><\/div>\n<div class=\"col-md-12 col-sm-12 col-xs-12 pt-cv-content-item pt-cv-1-col\" ><div class='pt-cv-ifield'><a href=\"https:\/\/www.dmsjuridica.com\/buscador_20179478954\/corteconstitucionalcronologico202454587\/c-520-09\/\" class=\"_self pt-cv-href-thumbnail pt-cv-thumb-default\" target=\"_self\" ><\/a>\n<div class=\"pt-cv-taxoterm above_title\"><a href='https:\/\/www.dmsjuridica.com\/buscador_20179478954\/corteconstitucionalcronologico202454587\/category\/buscar-en-toda-la-corte\/2009\/sentencias-2009\/' title='Sentencias 2009' class='pt-cv-tax-sentencias-2009'>Sentencias 2009<\/a><\/div>\n<h4 class=\"pt-cv-title\"><a href=\"https:\/\/www.dmsjuridica.com\/buscador_20179478954\/corteconstitucionalcronologico202454587\/c-520-09\/\" class=\"_self\" target=\"_self\" >C-520-09<\/a><\/h4>\n<div class=\"pt-cv-content\">\u00a0 \u00a0 Sentencia C-520-09 \u00a0 LIBERTAD \u00a0DE \u00a0CONFIGURACION \u00a0LEGISLATIVA \u00a0EN \u00a0MATERIA \u00a0 \u00a0 \u00a0 \u00a0 \u00a0PROCESAL-Alcance\/LIBERTAD \u00a0 \u00a0 DE \u00a0 \u00a0 CONFIGURACION \u00a0 \u00a0 LEGISLATIVA \u00a0 \u00a0 EN \u00a0 \u00a0 MATERIA \u00a0PROCESAL-L\u00edmites \u00a0\u00a0 LEGISLADOR-Competencia \u00a0 \u00a0 \u00a0 \u00a0para \u00a0 \u00a0 \u00a0 consagrar \u00a0 \u00a0 \u00a0 recursos\/LEGISLADOR-Proporcionalidad \u00a0 \u00a0 \u00a0 \u00a0y \u00a0razonabilidad en la definici\u00f3n de las formas \u00a0\u00a0 El alcance de la potestad legislativa ha sido \u00a0precisado \u00a0por \u00a0esta \u00a0Corporaci\u00f3n, en diversas ocasiones, habiendo resaltado la \u00a0corte \u00a0que \u00a0el \u00a0legislador \u00a0dispone de un amplio margen de discrecionalidad para \u00a0regular \u00a0los \u00a0procesos judiciales, esto es para determinar el procedimiento, las \u00a0actuaciones, ...<br \/><div class=\"pt-cv-rmwrap\"><a href=\"https:\/\/www.dmsjuridica.com\/buscador_20179478954\/corteconstitucionalcronologico202454587\/c-520-09\/\" class=\"_self pt-cv-readmore btn btn-success\" target=\"_self\">Ver Sentencia Completa...<\/a><\/div><\/div><\/div><\/div>\n<div class=\"col-md-12 col-sm-12 col-xs-12 pt-cv-content-item pt-cv-1-col\" ><div class='pt-cv-ifield'><a href=\"https:\/\/www.dmsjuridica.com\/buscador_20179478954\/corteconstitucionalcronologico202454587\/c-509-09\/\" class=\"_self pt-cv-href-thumbnail pt-cv-thumb-default\" target=\"_self\" ><\/a>\n<div class=\"pt-cv-taxoterm above_title\"><a href='https:\/\/www.dmsjuridica.com\/buscador_20179478954\/corteconstitucionalcronologico202454587\/category\/buscar-en-toda-la-corte\/2009\/sentencias-2009\/' title='Sentencias 2009' class='pt-cv-tax-sentencias-2009'>Sentencias 2009<\/a><\/div>\n<h4 class=\"pt-cv-title\"><a href=\"https:\/\/www.dmsjuridica.com\/buscador_20179478954\/corteconstitucionalcronologico202454587\/c-509-09\/\" class=\"_self\" target=\"_self\" >C-509-09<\/a><\/h4>\n<div class=\"pt-cv-content\">\u00a0 \u00a0 Sentencia C-509-09 \u00a0 (Julio 29, Bogot\u00e1) \u00a0 Referencia: \u00a0expediente D-7614 \u00a0\u00a0 Actores: Nixon Torres \u00a0C\u00e1rcamo y Maria Fernanda Orozco Tous \u00a0\u00a0 Demanda \u00a0de \u00a0inconstitucionalidad: \u00a0del \u00a0par\u00e1grafo \u00a02\u00ba \u00a0del \u00a0art\u00edculo \u00a01\u00ba de la Ley 1210 de 2008, \u00a0\u201cpor \u00a0 la \u00a0 cual \u00a0 se \u00a0modifican \u00a0parcialmente \u00a0los \u00a0art\u00edculos \u00a0448 \u00a0(numeral \u00a04) \u00a0y \u00a0451 del C\u00f3digo Sustantivo del Trabajo y 2 del \u00a0C\u00f3digo \u00a0Procesal \u00a0del \u00a0Trabajo \u00a0y de la Seguridad Social y se crea el art\u00edculo \u00a0129A \u00a0del \u00a0C\u00f3digo \u00a0Procesal \u00a0del \u00a0Trabajo \u00a0y de la Seguridad Social y se dictan \u00a0otras disposiciones\u201d. \u00a0\u00a0 \u00a0 \u00a0 \u00a0 I. ANTECEDENTES \u00a0 \u00a0\u00a0 ...<br \/><div class=\"pt-cv-rmwrap\"><a href=\"https:\/\/www.dmsjuridica.com\/buscador_20179478954\/corteconstitucionalcronologico202454587\/c-509-09\/\" class=\"_self pt-cv-readmore btn btn-success\" target=\"_self\">Ver Sentencia Completa...<\/a><\/div><\/div><\/div><\/div>\n<div class=\"col-md-12 col-sm-12 col-xs-12 pt-cv-content-item pt-cv-1-col\" ><div class='pt-cv-ifield'><a href=\"https:\/\/www.dmsjuridica.com\/buscador_20179478954\/corteconstitucionalcronologico202454587\/c-508-09\/\" class=\"_self pt-cv-href-thumbnail pt-cv-thumb-default\" target=\"_self\" ><\/a>\n<div class=\"pt-cv-taxoterm above_title\"><a href='https:\/\/www.dmsjuridica.com\/buscador_20179478954\/corteconstitucionalcronologico202454587\/category\/buscar-en-toda-la-corte\/2009\/sentencias-2009\/' title='Sentencias 2009' class='pt-cv-tax-sentencias-2009'>Sentencias 2009<\/a><\/div>\n<h4 class=\"pt-cv-title\"><a href=\"https:\/\/www.dmsjuridica.com\/buscador_20179478954\/corteconstitucionalcronologico202454587\/c-508-09\/\" class=\"_self\" target=\"_self\" >C-508-09<\/a><\/h4>\n<div class=\"pt-cv-content\">\u00a0 \u00a0 Sentencia C-508-09 \u00a0 (Julio 29, Bogot\u00e1 DC) \u00a0 DEMANDA \u00a0 DE \u00a0 INCONSTITUCIONALIDAD \u00a0 POR \u00a0VULNERACION \u00a0 \u00a0 \u00a0 \u00a0 DEL \u00a0 \u00a0 \u00a0 \u00a0 PRINCIPIO \u00a0 \u00a0 \u00a0 \u00a0DE \u00a0 \u00a0 \u00a0 \u00a0IGUALDAD-Requisitos \u00a0\u00a0 Para \u00a0que un demandante estructure cabalmente \u00a0un \u00a0cargo \u00a0en \u00a0contra \u00a0de \u00a0una \u00a0norma \u00a0por \u00a0violar \u00a0el \u00a0principio de igualdad es \u00a0necesario \u00a0que \u00a0por \u00a0lo \u00a0menos \u00a0cumpla \u00a0con \u00a0los \u00a0siguientes dos requisitos: (i) \u00a0constatar \u00a0que \u00a0se \u00a0est\u00e1 \u00a0dando \u00a0un \u00a0trato \u00a0diferente \u00a0a \u00a0dos \u00a0o m\u00e1s grupos de \u00a0personas, \u00a0bien \u00a0sea \u00a0porque \u00a0la \u00a0ley \u00a0acusada \u00a0est\u00e1 dando un trato diferente a \u00a0situaciones \u00a0que \u00a0deben \u00a0recibir ...<br \/><div class=\"pt-cv-rmwrap\"><a href=\"https:\/\/www.dmsjuridica.com\/buscador_20179478954\/corteconstitucionalcronologico202454587\/c-508-09\/\" class=\"_self pt-cv-readmore btn btn-success\" target=\"_self\">Ver Sentencia Completa...<\/a><\/div><\/div><\/div><\/div>\n<div class=\"col-md-12 col-sm-12 col-xs-12 pt-cv-content-item pt-cv-1-col\" ><div class='pt-cv-ifield'><a href=\"https:\/\/www.dmsjuridica.com\/buscador_20179478954\/corteconstitucionalcronologico202454587\/c-507-09\/\" class=\"_self pt-cv-href-thumbnail pt-cv-thumb-default\" target=\"_self\" ><\/a>\n<div class=\"pt-cv-taxoterm above_title\"><a href='https:\/\/www.dmsjuridica.com\/buscador_20179478954\/corteconstitucionalcronologico202454587\/category\/buscar-en-toda-la-corte\/2009\/sentencias-2009\/' title='Sentencias 2009' class='pt-cv-tax-sentencias-2009'>Sentencias 2009<\/a><\/div>\n<h4 class=\"pt-cv-title\"><a href=\"https:\/\/www.dmsjuridica.com\/buscador_20179478954\/corteconstitucionalcronologico202454587\/c-507-09\/\" class=\"_self\" target=\"_self\" >C-507-09<\/a><\/h4>\n<div class=\"pt-cv-content\">\u00a0 \u00a0 Sentencia C-507-09 \u00a0 Actor: Arturo Robles \u00a0Cubillos. \u00a0\u00a0 Demanda \u00a0de \u00a0inconstitucionalidad \u00a0contra los \u00a0art\u00edculos \u00a05, \u00a06, \u00a07, \u00a08 \u00a0y \u00a09,\u00a0 \u00a0de \u00a0la \u00a0Ley \u00a026 de 1989, \u201cpor \u00a0medio \u00a0de \u00a0la \u00a0cual \u00a0se \u00a0adiciona la Ley 39 de 1987 y se dictan \u00a0otras \u00a0disposiciones \u00a0sobre la distribuci\u00f3n de combustibles l\u00edquidos derivados \u00a0del petr\u00f3leo\u201d \u00a0\u00a0 Magistrada Ponente: \u00a0 Dra. MAR\u00cdA VICTORIA CALLE CORREA \u00a0 Bogot\u00e1, \u00a0D.C., veintinueve (29) de julio de \u00a0dos mil nueve (2009). \u00a0\u00a0 La Sala Plena de la Corte Constitucional, en \u00a0cumplimiento \u00a0de \u00a0sus \u00a0atribuciones \u00a0constitucionales \u00a0y \u00a0de \u00a0los \u00a0requisitos de \u00a0tr\u00e1mite \u00a0 establecidos \u00a0 en \u00a0 ...<br \/><div class=\"pt-cv-rmwrap\"><a href=\"https:\/\/www.dmsjuridica.com\/buscador_20179478954\/corteconstitucionalcronologico202454587\/c-507-09\/\" class=\"_self pt-cv-readmore btn btn-success\" target=\"_self\">Ver Sentencia Completa...<\/a><\/div><\/div><\/div><\/div>\n<div class=\"col-md-12 col-sm-12 col-xs-12 pt-cv-content-item pt-cv-1-col\" ><div class='pt-cv-ifield'><a href=\"https:\/\/www.dmsjuridica.com\/buscador_20179478954\/corteconstitucionalcronologico202454587\/c-506-09\/\" class=\"_self pt-cv-href-thumbnail pt-cv-thumb-default\" target=\"_self\" ><\/a>\n<div class=\"pt-cv-taxoterm above_title\"><a href='https:\/\/www.dmsjuridica.com\/buscador_20179478954\/corteconstitucionalcronologico202454587\/category\/buscar-en-toda-la-corte\/2009\/sentencias-2009\/' title='Sentencias 2009' class='pt-cv-tax-sentencias-2009'>Sentencias 2009<\/a><\/div>\n<h4 class=\"pt-cv-title\"><a href=\"https:\/\/www.dmsjuridica.com\/buscador_20179478954\/corteconstitucionalcronologico202454587\/c-506-09\/\" class=\"_self\" target=\"_self\" >C-506-09<\/a><\/h4>\n<div class=\"pt-cv-content\">\u00a0 \u00a0 Sentencia C- 506 de 2009 \u00a0 Referencia: expediente OP-111 \u00a0 Objeciones \u00a0 presidenciales \u00a0formuladas \u00a0al \u00a0art\u00edculo \u00a0 2\u00ba. \u00a0 del \u00a0 proyecto \u00a0 de \u00a0 ley \u00a0 21\/07 \u00a0 Senado, \u00a0210\/07 \u00a0C\u00e1mara, \u00a0\u201cPor \u00a0medio \u00a0de la cual la Naci\u00f3n se asocia y rinde \u00a0homenaje \u00a0al \u00a0municipio \u00a0de Cabrera, en el departamento de Santander, con motivo \u00a0de \u00a0la \u00a0celebraci\u00f3n \u00a0de los doscientos (200) a\u00f1os de su fundaci\u00f3n y se dictan \u00a0otras disposiciones\u201d \u00a0\u00a0 Magistrado Ponente: \u00a0 Dr. JORGE IV\u00c1N PALACIO PALACIO \u00a0 Bogot\u00e1, \u00a0D.C.,\u00a0 veintinueve (29) de julio de dos mil \u00a0nueve (2009). \u00a0\u00a0 La \u00a0Sala Plena de la ...<br \/><div class=\"pt-cv-rmwrap\"><a href=\"https:\/\/www.dmsjuridica.com\/buscador_20179478954\/corteconstitucionalcronologico202454587\/c-506-09\/\" class=\"_self pt-cv-readmore btn btn-success\" target=\"_self\">Ver Sentencia Completa...<\/a><\/div><\/div><\/div><\/div>\n<div class=\"col-md-12 col-sm-12 col-xs-12 pt-cv-content-item pt-cv-1-col\" ><div class='pt-cv-ifield'><a href=\"https:\/\/www.dmsjuridica.com\/buscador_20179478954\/corteconstitucionalcronologico202454587\/c-489-09\/\" class=\"_self pt-cv-href-thumbnail pt-cv-thumb-default\" target=\"_self\" ><\/a>\n<div class=\"pt-cv-taxoterm above_title\"><a href='https:\/\/www.dmsjuridica.com\/buscador_20179478954\/corteconstitucionalcronologico202454587\/category\/buscar-en-toda-la-corte\/2009\/sentencias-2009\/' title='Sentencias 2009' class='pt-cv-tax-sentencias-2009'>Sentencias 2009<\/a><\/div>\n<h4 class=\"pt-cv-title\"><a href=\"https:\/\/www.dmsjuridica.com\/buscador_20179478954\/corteconstitucionalcronologico202454587\/c-489-09\/\" class=\"_self\" target=\"_self\" >C-489-09<\/a><\/h4>\n<div class=\"pt-cv-content\">\u00a0 \u00a0 Sentencia C-489-09 \u00a0 COSA \u00a0 JUZGADA \u00a0CONSTITUCIONAL-Configuraci\u00f3n \u00a0\u00a0 COSA \u00a0 JUZGADA \u00a0CONSTITUCIONAL-Finalidad\/COSA \u00a0 \u00a0 \u00a0 \u00a0 \u00a0 JUZGADA \u00a0CONSTITUCIONAL-Caracter\u00edsticas \u00a0\u00a0 COSA \u00a0 JUZGADA \u00a0 FORMAL \u00a0 Y \u00a0 COSA \u00a0JUZGADA \u00a0MATERIAL-Alcance \u00a0\u00a0 COSA \u00a0 JUZGADA \u00a0ABSOLUTA \u00a0Y \u00a0COSA \u00a0JUZGADA \u00a0RELATIVA-Alcance \u00a0\u00a0 COSA \u00a0JUZGADA \u00a0CONSTITUCIONAL-Predicable de fallos de exequibilidad o inexequibilidad \u00a0\u00a0 COSA \u00a0 JUZGADA \u00a0CONSTITUCIONAL-Efectos respecto de exequibilidad \u00a0\u00a0 La \u00a0cosa \u00a0juzgada \u00a0constitucional se predica \u00a0tanto \u00a0de \u00a0las \u00a0sentencias \u00a0que \u00a0declaran la exequibilidad de la norma objeto de \u00a0estudio \u00a0como \u00a0de \u00a0las \u00a0que \u00a0resuelven \u00a0su \u00a0inexequibilidad, pero sus efectos no \u00a0siempre \u00a0son \u00a0iguales. \u00a0Si la norma es declarada ...<br \/><div class=\"pt-cv-rmwrap\"><a href=\"https:\/\/www.dmsjuridica.com\/buscador_20179478954\/corteconstitucionalcronologico202454587\/c-489-09\/\" class=\"_self pt-cv-readmore btn btn-success\" target=\"_self\">Ver Sentencia Completa...<\/a><\/div><\/div><\/div><\/div>\n<div class=\"col-md-12 col-sm-12 col-xs-12 pt-cv-content-item pt-cv-1-col\" ><div class='pt-cv-ifield'><a href=\"https:\/\/www.dmsjuridica.com\/buscador_20179478954\/corteconstitucionalcronologico202454587\/c-488-09\/\" class=\"_self pt-cv-href-thumbnail pt-cv-thumb-default\" target=\"_self\" ><\/a>\n<div class=\"pt-cv-taxoterm above_title\"><a href='https:\/\/www.dmsjuridica.com\/buscador_20179478954\/corteconstitucionalcronologico202454587\/category\/buscar-en-toda-la-corte\/2009\/sentencias-2009\/' title='Sentencias 2009' class='pt-cv-tax-sentencias-2009'>Sentencias 2009<\/a><\/div>\n<h4 class=\"pt-cv-title\"><a href=\"https:\/\/www.dmsjuridica.com\/buscador_20179478954\/corteconstitucionalcronologico202454587\/c-488-09\/\" class=\"_self\" target=\"_self\" >C-488-09<\/a><\/h4>\n<div class=\"pt-cv-content\">\u00a0 \u00a0 Sentencia C-488 de 2009 \u00a0 Referencia: expediente D-7593 \u00a0 Demanda \u00a0de \u00a0inconstitucionalidad \u00a0contra \u00a0el \u00a0art\u00edculo \u00a0101 \u00a0(parcial) de la Ley 599 de 2000, \u201cPor \u00a0la cual se expide el C\u00f3digo Penal\u201d. \u00a0\u00a0 Actor: Gonzalo Rodrigo Paz Mahecha. \u00a0 Magistrado Ponente: \u00a0 Dr. JORGE IV\u00c1N PALACIO PALACIO \u00a0 Bogot\u00e1, D.C., veintid\u00f3s (22) de julio de dos \u00a0mil nueve (2009) \u00a0\u00a0 SENTENCIA \u00a0 I. \u00a0 ANTECEDENTES \u00a0\u00a0 En ejercicio de la acci\u00f3n p\u00fablica consagrada \u00a0en \u00a0el art\u00edculo 241 de la Constituci\u00f3n Pol\u00edtica, el ciudadano Gonzalo Rodrigo \u00a0Paz \u00a0Mahecha \u00a0demanda \u00a0en \u00a0forma parcial el art\u00edculo 101 de la Ley 599 de ...<br \/><div class=\"pt-cv-rmwrap\"><a href=\"https:\/\/www.dmsjuridica.com\/buscador_20179478954\/corteconstitucionalcronologico202454587\/c-488-09\/\" class=\"_self pt-cv-readmore btn btn-success\" target=\"_self\">Ver Sentencia Completa...<\/a><\/div><\/div><\/div><\/div>\n<div class=\"col-md-12 col-sm-12 col-xs-12 pt-cv-content-item pt-cv-1-col\" ><div class='pt-cv-ifield'><a href=\"https:\/\/www.dmsjuridica.com\/buscador_20179478954\/corteconstitucionalcronologico202454587\/c-487-09\/\" class=\"_self pt-cv-href-thumbnail pt-cv-thumb-default\" target=\"_self\" ><\/a>\n<div class=\"pt-cv-taxoterm above_title\"><a href='https:\/\/www.dmsjuridica.com\/buscador_20179478954\/corteconstitucionalcronologico202454587\/category\/buscar-en-toda-la-corte\/2009\/sentencias-2009\/' title='Sentencias 2009' class='pt-cv-tax-sentencias-2009'>Sentencias 2009<\/a><\/div>\n<h4 class=\"pt-cv-title\"><a href=\"https:\/\/www.dmsjuridica.com\/buscador_20179478954\/corteconstitucionalcronologico202454587\/c-487-09\/\" class=\"_self\" target=\"_self\" >C-487-09<\/a><\/h4>\n<div class=\"pt-cv-content\">\u00a0 \u00a0 Sentencia C-487\/09 \u00a0 COSA \u00a0 \u00a0 \u00a0JUZGADA \u00a0 \u00a0 \u00a0CONSTITUCIONAL \u00a0ABSOLUTA-Configuraci\u00f3n \u00a0\u00a0 La Corte constata que mediante sentencia C-014 \u00a0de \u00a0 2004, \u00a0 la \u00a0 Sala \u00a0Plena \u00a0de \u00a0esta \u00a0Corporaci\u00f3n \u00a0se \u00a0pronunci\u00f3 \u00a0sobre \u00a0la \u00a0constitucionalidad \u00a0de \u00a0la \u00a0norma \u00a0que \u00a0es nuevamente objeto de reproche en esta \u00a0oportunidad, \u00a0 determinando \u00a0 que \u00a0 la \u00a0cosa \u00a0juzgada \u00a0que \u00a0oper\u00f3 \u00a0sobre \u00a0 el \u00a0art\u00edculo \u00a089 \u00a0del \u00a0C\u00f3digo \u00a0Disciplinario \u00a0\u00danico \u00a0fue \u00a0absoluta, \u00a0no \u00a0s\u00f3lo \u00a0porque no fue limitada expresa o t\u00e1citamente, sino porque \u00a0la \u00a0Corte integr\u00f3 la unidad normativa con la totalidad de esa disposici\u00f3n para \u00a0que el fallo emitido produzca plenos ...<br \/><div class=\"pt-cv-rmwrap\"><a href=\"https:\/\/www.dmsjuridica.com\/buscador_20179478954\/corteconstitucionalcronologico202454587\/c-487-09\/\" class=\"_self pt-cv-readmore btn btn-success\" target=\"_self\">Ver Sentencia Completa...<\/a><\/div><\/div><\/div><\/div>\n<div class=\"col-md-12 col-sm-12 col-xs-12 pt-cv-content-item pt-cv-1-col\" ><div class='pt-cv-ifield'><a href=\"https:\/\/www.dmsjuridica.com\/buscador_20179478954\/corteconstitucionalcronologico202454587\/c-486-09\/\" class=\"_self pt-cv-href-thumbnail pt-cv-thumb-default\" target=\"_self\" ><\/a>\n<div class=\"pt-cv-taxoterm above_title\"><a href='https:\/\/www.dmsjuridica.com\/buscador_20179478954\/corteconstitucionalcronologico202454587\/category\/buscar-en-toda-la-corte\/2009\/sentencias-2009\/' title='Sentencias 2009' class='pt-cv-tax-sentencias-2009'>Sentencias 2009<\/a><\/div>\n<h4 class=\"pt-cv-title\"><a href=\"https:\/\/www.dmsjuridica.com\/buscador_20179478954\/corteconstitucionalcronologico202454587\/c-486-09\/\" class=\"_self\" target=\"_self\" >C-486-09<\/a><\/h4>\n<div class=\"pt-cv-content\">\u00a0 \u00a0 SENTENCIA C-486 de 2009 \u00a0 Referencia: expediente D-7589 \u00a0 Demandante: Remberto \u00a0Quant Gonz\u00e1lez. \u00a0\u00a0 Demanda \u00a0de \u00a0inconstitucionalidad \u00a0contra \u00a0el \u00a0art\u00edculo 8 de la Ley 1124 de 2007. \u00a0\u00a0 Magistrada Ponente: \u00a0 Dra. MAR\u00cdA VICTORIA CALLE CORREA \u00a0 Bogot\u00e1, \u00a0D. C., veintid\u00f3s (22) de Julio de \u00a0dos mil nueve (2009). \u00a0\u00a0 La Sala Plena de la Corte Constitucional, en \u00a0cumplimiento \u00a0de \u00a0sus \u00a0atribuciones \u00a0constitucionales \u00a0y \u00a0de \u00a0los \u00a0requisitos de \u00a0tr\u00e1mite \u00a0 establecidos \u00a0 en \u00a0 el \u00a0 Decreto \u00a0 2067 \u00a0de \u00a01991, \u00a0ha \u00a0proferido \u00a0la \u00a0siguiente \u00a0\u00a0 SENTENCIA \u00a0 \u00a0 \u00a0 \u00a0 I. ANTECEDENTES \u00a0 \u00a0\u00a0 En \u00a0ejercicio \u00a0de ...<br \/><div class=\"pt-cv-rmwrap\"><a href=\"https:\/\/www.dmsjuridica.com\/buscador_20179478954\/corteconstitucionalcronologico202454587\/c-486-09\/\" class=\"_self pt-cv-readmore btn btn-success\" target=\"_self\">Ver Sentencia Completa...<\/a><\/div><\/div><\/div><\/div>\n<div class=\"col-md-12 col-sm-12 col-xs-12 pt-cv-content-item pt-cv-1-col\" ><div class='pt-cv-ifield'><a href=\"https:\/\/www.dmsjuridica.com\/buscador_20179478954\/corteconstitucionalcronologico202454587\/c-469-09\/\" class=\"_self pt-cv-href-thumbnail pt-cv-thumb-default\" target=\"_self\" ><\/a>\n<div class=\"pt-cv-taxoterm above_title\"><a href='https:\/\/www.dmsjuridica.com\/buscador_20179478954\/corteconstitucionalcronologico202454587\/category\/buscar-en-toda-la-corte\/2009\/sentencias-2009\/' title='Sentencias 2009' class='pt-cv-tax-sentencias-2009'>Sentencias 2009<\/a><\/div>\n<h4 class=\"pt-cv-title\"><a href=\"https:\/\/www.dmsjuridica.com\/buscador_20179478954\/corteconstitucionalcronologico202454587\/c-469-09\/\" class=\"_self\" target=\"_self\" >C-469-09<\/a><\/h4>\n<div class=\"pt-cv-content\">\u00a0 \u00a0 Sentencia C-469-09 \u00a0 Referencia: OP-100 \u00a0 Revisi\u00f3n \u00a0 oficiosa \u00a0 de \u00a0 las \u00a0objeciones \u00a0presidenciales \u00a0presentadas \u00a0al \u00a0proyecto \u00a0de ley 111\/06 Senado, 144\/05 C\u00e1mara, \u00a0\u201cPor \u00a0 la \u00a0 cual \u00a0 se \u00a0 expide \u00a0 el \u00a0C\u00f3digo \u00a0Penal \u00a0Militar\u201d. \u00a0\u00a0 Magistrado Ponente: \u00a0 Dr. JORGE IV\u00c1N PALACIO PALACIO \u00a0 Bogot\u00e1, D.C.,\u00a0 quince (15) de julio de \u00a0dos mil nueve (2009). \u00a0\u00a0 La Sala Plena de la Corte Constitucional, en \u00a0ejercicio \u00a0de \u00a0sus \u00a0atribuciones \u00a0constitucionales \u00a0y \u00a0legales, \u00a0en especial las \u00a0previstas \u00a0en los art\u00edculos 167 y 241, numeral 8 de la Constituci\u00f3n Pol\u00edtica, \u00a0cumplidos \u00a0los \u00a0tr\u00e1mites \u00a0y \u00a0requisitos \u00a0previstos \u00a0en ...<br \/><div class=\"pt-cv-rmwrap\"><a href=\"https:\/\/www.dmsjuridica.com\/buscador_20179478954\/corteconstitucionalcronologico202454587\/c-469-09\/\" class=\"_self pt-cv-readmore btn btn-success\" target=\"_self\">Ver Sentencia Completa...<\/a><\/div><\/div><\/div><\/div>\n<div class=\"col-md-12 col-sm-12 col-xs-12 pt-cv-content-item pt-cv-1-col\" ><div class='pt-cv-ifield'><a href=\"https:\/\/www.dmsjuridica.com\/buscador_20179478954\/corteconstitucionalcronologico202454587\/c-468-09\/\" class=\"_self pt-cv-href-thumbnail pt-cv-thumb-default\" target=\"_self\" ><\/a>\n<div class=\"pt-cv-taxoterm above_title\"><a href='https:\/\/www.dmsjuridica.com\/buscador_20179478954\/corteconstitucionalcronologico202454587\/category\/buscar-en-toda-la-corte\/2009\/sentencias-2009\/' title='Sentencias 2009' class='pt-cv-tax-sentencias-2009'>Sentencias 2009<\/a><\/div>\n<h4 class=\"pt-cv-title\"><a href=\"https:\/\/www.dmsjuridica.com\/buscador_20179478954\/corteconstitucionalcronologico202454587\/c-468-09\/\" class=\"_self\" target=\"_self\" >C-468-09<\/a><\/h4>\n<div class=\"pt-cv-content\">\u00a0 \u00a0 Sentencia C-468-09 \u00a0 Referencia: \u00a0expediente D-7568 \u00a0\u00a0 Asunto: \u00a0Demanda de \u00a0inconstitucionalidad \u00a0contra \u00a0el \u00a0art\u00edculo 127 (parcial), de la Ley 599 de 2000 \u00a0\u201cpor \u00a0 \u00a0la \u00a0 \u00a0cual \u00a0 \u00a0se \u00a0 \u00a0expide \u00a0 \u00a0el \u00a0 C\u00f3digo \u00a0Penal\u201d. \u00a0\u00a0 Demandante: \u00a0 Clara In\u00e9s Cuervo Huertas. \u00a0 \u00c1ngel Alberto Herrera Mat\u00edas. \u00a0 Magistrado Ponente: \u00a0 Dr. \u00a0 \u00a0 GABRIEL \u00a0 \u00a0 EDUARDO \u00a0 \u00a0MENDOZA \u00a0MARTELO. \u00a0\u00a0 Bogot\u00e1 D.C., quince (15) de julio de dos mil \u00a0nueve (2009). \u00a0\u00a0 La Sala Plena de la Corte Constitucional, en \u00a0cumplimiento \u00a0de \u00a0sus \u00a0atribuciones \u00a0constitucionales \u00a0y \u00a0de \u00a0los \u00a0requisitos \u00a0y \u00a0tr\u00e1mites \u00a0 establecidos \u00a0 en ...<br \/><div class=\"pt-cv-rmwrap\"><a href=\"https:\/\/www.dmsjuridica.com\/buscador_20179478954\/corteconstitucionalcronologico202454587\/c-468-09\/\" class=\"_self pt-cv-readmore btn btn-success\" target=\"_self\">Ver Sentencia Completa...<\/a><\/div><\/div><\/div><\/div>\n<div class=\"col-md-12 col-sm-12 col-xs-12 pt-cv-content-item pt-cv-1-col\" ><div class='pt-cv-ifield'><a href=\"https:\/\/www.dmsjuridica.com\/buscador_20179478954\/corteconstitucionalcronologico202454587\/c-467-09\/\" class=\"_self pt-cv-href-thumbnail pt-cv-thumb-default\" target=\"_self\" ><\/a>\n<div class=\"pt-cv-taxoterm above_title\"><a href='https:\/\/www.dmsjuridica.com\/buscador_20179478954\/corteconstitucionalcronologico202454587\/category\/buscar-en-toda-la-corte\/2009\/sentencias-2009\/' title='Sentencias 2009' class='pt-cv-tax-sentencias-2009'>Sentencias 2009<\/a><\/div>\n<h4 class=\"pt-cv-title\"><a href=\"https:\/\/www.dmsjuridica.com\/buscador_20179478954\/corteconstitucionalcronologico202454587\/c-467-09\/\" class=\"_self\" target=\"_self\" >C-467-09<\/a><\/h4>\n<div class=\"pt-cv-content\">\u00a0 \u00a0 SENTENCIA C- 467-09 \u00a0 Referencia: \u00a0Expediente D-7460. \u00a0\u00a0 Actor: Diego Alberto \u00a0Zuleta Garc\u00eda. \u00a0\u00a0 Magistrado \u00a0Ponente: \u00a0\u00a0 Dr. MAURICIO GONZALEZ CUERVO \u00a0 Bogota D. C., quince (15) de julio de dos mil \u00a0nueve 2009 \u00a0\u00a0 I. ANTECEDENTES. \u00a0 1. \u00a0 \u00a0 Demanda \u00a0 \u00a0 y \u00a0 \u00a0 disposici\u00f3n \u00a0demandada. \u00a0\u00a0 El \u00a0ciudadano \u00a0Diego \u00a0Alberto \u00a0Zuleta Garc\u00eda \u00a0demand\u00f3 \u00a0la inconstitucionalidad del numeral 9\u00ba del art\u00edculo 35 de la Ley 734 \u00a0de \u00a0 2002 \u00a0 \u201cPor \u00a0la \u00a0cual \u00a0se \u00a0expide \u00a0el \u00a0C\u00f3digo \u00a0Disciplinario \u00a0 \u00a0 \u00a0 \u00a0 \u00a0 \u00danico\u201d, \u00a0por \u00a0considerar \u00a0que \u00a0la \u00a0disposici\u00f3n \u00a0acusada \u00a0es \u00a0ajeno al principio de ...<br \/><div class=\"pt-cv-rmwrap\"><a href=\"https:\/\/www.dmsjuridica.com\/buscador_20179478954\/corteconstitucionalcronologico202454587\/c-467-09\/\" class=\"_self pt-cv-readmore btn btn-success\" target=\"_self\">Ver Sentencia Completa...<\/a><\/div><\/div><\/div><\/div>\n<div class=\"col-md-12 col-sm-12 col-xs-12 pt-cv-content-item pt-cv-1-col\" ><div class='pt-cv-ifield'><a href=\"https:\/\/www.dmsjuridica.com\/buscador_20179478954\/corteconstitucionalcronologico202454587\/c-466-09\/\" class=\"_self pt-cv-href-thumbnail pt-cv-thumb-default\" target=\"_self\" ><\/a>\n<div class=\"pt-cv-taxoterm above_title\"><a href='https:\/\/www.dmsjuridica.com\/buscador_20179478954\/corteconstitucionalcronologico202454587\/category\/buscar-en-toda-la-corte\/2009\/sentencias-2009\/' title='Sentencias 2009' class='pt-cv-tax-sentencias-2009'>Sentencias 2009<\/a><\/div>\n<h4 class=\"pt-cv-title\"><a href=\"https:\/\/www.dmsjuridica.com\/buscador_20179478954\/corteconstitucionalcronologico202454587\/c-466-09\/\" class=\"_self\" target=\"_self\" >C-466-09<\/a><\/h4>\n<div class=\"pt-cv-content\">\u00a0 \u00a0 Sentencia C-466-09 \u00a0 Referencia: expediente LAT-343 \u00a0 Revisi\u00f3n \u00a0 Constitucional \u00a0del \u00a0\u201cConvenio \u00a0entre \u00a0el \u00a0Gobierno de la Rep\u00fablica de Colombia y el \u00a0Gobierno \u00a0de \u00a0la \u00a0Rep\u00fablica \u00a0de \u00a0Panam\u00e1 para evitar la doble imposici\u00f3n en la \u00a0explotaci\u00f3n \u00a0de \u00a0aeronaves \u00a0en \u00a0el \u00a0transporte a\u00e9reo internacional, firmado en \u00a0Bogot\u00e1 \u00a0el \u00a013 \u00a0de \u00a0Abril \u00a0de \u00a02007\u201d \u00a0y \u00a0de \u00a0su Ley \u00a0aprobatoria No. 1265 de 2008. \u00a0\u00a0 Magistrada \u00a0 \u00a0 \u00a0Ponente: \u00a0\u00a0 Dra. Mar\u00eda Victoria Calle Correa \u00a0 Bogot\u00e1, \u00a0D.C., \u00a0quince (15) de julio de dos \u00a0mil nueve (2009) \u00a0\u00a0 La Sala Plena de la Corte Constitucional, en \u00a0cumplimiento \u00a0de \u00a0sus \u00a0atribuciones \u00a0constitucionales ...<br \/><div class=\"pt-cv-rmwrap\"><a href=\"https:\/\/www.dmsjuridica.com\/buscador_20179478954\/corteconstitucionalcronologico202454587\/c-466-09\/\" class=\"_self pt-cv-readmore btn btn-success\" target=\"_self\">Ver Sentencia Completa...<\/a><\/div><\/div><\/div><\/div>\n<div class=\"col-md-12 col-sm-12 col-xs-12 pt-cv-content-item pt-cv-1-col\" ><div class='pt-cv-ifield'><a href=\"https:\/\/www.dmsjuridica.com\/buscador_20179478954\/corteconstitucionalcronologico202454587\/c-446-09\/\" class=\"_self pt-cv-href-thumbnail pt-cv-thumb-default\" target=\"_self\" ><\/a>\n<div class=\"pt-cv-taxoterm above_title\"><a href='https:\/\/www.dmsjuridica.com\/buscador_20179478954\/corteconstitucionalcronologico202454587\/category\/buscar-en-toda-la-corte\/2009\/sentencias-2009\/' title='Sentencias 2009' class='pt-cv-tax-sentencias-2009'>Sentencias 2009<\/a><\/div>\n<h4 class=\"pt-cv-title\"><a href=\"https:\/\/www.dmsjuridica.com\/buscador_20179478954\/corteconstitucionalcronologico202454587\/c-446-09\/\" class=\"_self\" target=\"_self\" >C-446-09<\/a><\/h4>\n<div class=\"pt-cv-content\">\u00a0 \u00a0 \u00a0\u00a0 SENTENCIA \u00a0 \u00a0 \u00a0 \u00a0C-446 de 2009 \u00a0\u00a0 \u00a0 \u00a0\u00a0 \u00a0\u00a0 \u00a0\u00a0 \u00a0\u00a0 \u00a0 \u00a0 \u00a0 \u00a0 \u00a0 \u00a0\u00a0 \u00a0\u00a0 \u00a0 \u00a0 \u00a0 \u00a0 \u00a0\u00a0 \u00a0 \u00a0 \u00a0(Bogot\u00e1, 8 de \u00a0julio) \u00a0\u00a0 Referencia: \u00a0Expediente LAT-338 \u00a0\u00a0 Revisi\u00f3n de constitucionalidad: de \u00a0 la \u00a0 Ley \u00a0 1241 \u00a0 de \u00a0 30 \u00a0 de \u00a0 Julio \u00a0de \u00a02008, \u00a0\u201cPor \u00a0medio \u00a0de \u00a0la \u00a0cual \u00a0se aprueba el Tratado de Libre Comercio \u00a0celebrado \u00a0entre la Rep\u00fablica de Colombia y \u00a0las \u00a0Rep\u00fablicas \u00a0de \u00a0El \u00a0Salvador, Guatemala y Honduras, hecho y \u00a0firmado \u00a0en \u00a0Medell\u00edn, \u00a0Rep\u00fablica de Colombia, el 9 de agosto de 2007\u201d ...<br \/><div class=\"pt-cv-rmwrap\"><a href=\"https:\/\/www.dmsjuridica.com\/buscador_20179478954\/corteconstitucionalcronologico202454587\/c-446-09\/\" class=\"_self pt-cv-readmore btn btn-success\" target=\"_self\">Ver Sentencia Completa...<\/a><\/div><\/div><\/div><\/div>\n<div class=\"col-md-12 col-sm-12 col-xs-12 pt-cv-content-item pt-cv-1-col\" ><div class='pt-cv-ifield'><a href=\"https:\/\/www.dmsjuridica.com\/buscador_20179478954\/corteconstitucionalcronologico202454587\/c-445-09\/\" class=\"_self pt-cv-href-thumbnail pt-cv-thumb-default\" target=\"_self\" ><\/a>\n<div class=\"pt-cv-taxoterm above_title\"><a href='https:\/\/www.dmsjuridica.com\/buscador_20179478954\/corteconstitucionalcronologico202454587\/category\/buscar-en-toda-la-corte\/2009\/sentencias-2009\/' title='Sentencias 2009' class='pt-cv-tax-sentencias-2009'>Sentencias 2009<\/a><\/div>\n<h4 class=\"pt-cv-title\"><a href=\"https:\/\/www.dmsjuridica.com\/buscador_20179478954\/corteconstitucionalcronologico202454587\/c-445-09\/\" class=\"_self\" target=\"_self\" >C-445-09<\/a><\/h4>\n<div class=\"pt-cv-content\">\u00a0 \u00a0 Sentencia C-445\/09 \u00a0 INHIBICION \u00a0DE \u00a0LA \u00a0CORTE \u00a0CONSTITUCIONAL POR \u00a0INEPTITUD \u00a0SUSTANTIVA \u00a0DE LA DEMANDA-Falta de certeza y \u00a0claridad de los cargos \u00a0\u00a0 Referencia: expediente D-7551 \u00a0 Demanda \u00a0de \u00a0inconstitucionalidad \u00a0contra los \u00a0art\u00edculos \u00a0108 \u00a0y \u00a0128 \u00a0del \u00a0C\u00f3digo \u00a0Penal, \u00a0modificados \u00a0por \u00a0la \u00a0Ley \u00a0890 de \u00a02004. \u00a0\u00a0 Demandantes: \u00a0Milton \u00a0Jos\u00e9 \u00a0Pereira Blanco y \u00a0Kelly Marcela Juris Ramos \u00a0\u00a0 Magistrado Ponente: \u00a0 Dr. JORGE IGNACIO PRETELT CHALJUB \u00a0 Bogot\u00e1 \u00a0D.C., \u00a0ocho \u00a0(8) de julio de dos mil \u00a0nueve (2009). \u00a0\u00a0 La \u00a0Sala \u00a0Plena \u00a0de \u00a0la Corte Constitucional, \u00a0conformada \u00a0por \u00a0los \u00a0magistrados \u00a0doctores \u00a0Nilson \u00a0Pinilla \u00a0Pinilla, \u00a0Mauricio \u00a0Gonz\u00e1lez \u00a0Cuervo, \u00a0Juan \u00a0Carlos ...<br \/><div class=\"pt-cv-rmwrap\"><a href=\"https:\/\/www.dmsjuridica.com\/buscador_20179478954\/corteconstitucionalcronologico202454587\/c-445-09\/\" class=\"_self pt-cv-readmore btn btn-success\" target=\"_self\">Ver Sentencia Completa...<\/a><\/div><\/div><\/div><\/div>\n<div class=\"col-md-12 col-sm-12 col-xs-12 pt-cv-content-item pt-cv-1-col\" ><div class='pt-cv-ifield'><a href=\"https:\/\/www.dmsjuridica.com\/buscador_20179478954\/corteconstitucionalcronologico202454587\/c-444-09\/\" class=\"_self pt-cv-href-thumbnail pt-cv-thumb-default\" target=\"_self\" ><\/a>\n<div class=\"pt-cv-taxoterm above_title\"><a href='https:\/\/www.dmsjuridica.com\/buscador_20179478954\/corteconstitucionalcronologico202454587\/category\/buscar-en-toda-la-corte\/2009\/sentencias-2009\/' title='Sentencias 2009' class='pt-cv-tax-sentencias-2009'>Sentencias 2009<\/a><\/div>\n<h4 class=\"pt-cv-title\"><a href=\"https:\/\/www.dmsjuridica.com\/buscador_20179478954\/corteconstitucionalcronologico202454587\/c-444-09\/\" class=\"_self\" target=\"_self\" >C-444-09<\/a><\/h4>\n<div class=\"pt-cv-content\">\u00a0 \u00a0 Sentencia C-444-09 \u00a0 Referencia: \u00a0 \u00a0 \u00a0 \u00a0expediente D-7581 \u00a0\u00a0 Demanda \u00a0de \u00a0inconstitucionalidad \u00a0contra \u00a0el \u00a0art\u00edculo \u00a040 \u00a0de la Ley 3\u00aa de 1991, \u201cpor la cual se \u00a0crea \u00a0el \u00a0Sistema \u00a0Nacional \u00a0de \u00a0Vivienda \u00a0de \u00a0Inter\u00e9s \u00a0Social, se establece el \u00a0subsidio \u00a0familiar de vivienda, se reforma el Instituto de Cr\u00e9dito Territorial, \u00a0ICT, y se dictan otras disposiciones.\u201d \u00a0\u00a0 Actor: Samuel Moreno \u00a0Rojas y otro. \u00a0\u00a0 Magistrado Ponente: \u00a0 Dr. JORGE IGNACIO PRETELT CHALJUB \u00a0 Bogot\u00e1 \u00a0D.C., ocho (8) de julio de dos mil \u00a0nueve (2009). \u00a0\u00a0 La \u00a0Sala \u00a0Plena \u00a0de la Corte Constitucional, \u00a0conformada \u00a0por \u00a0los \u00a0magistrados \u00a0Nilson \u00a0Pinilla ...<br \/><div class=\"pt-cv-rmwrap\"><a href=\"https:\/\/www.dmsjuridica.com\/buscador_20179478954\/corteconstitucionalcronologico202454587\/c-444-09\/\" class=\"_self pt-cv-readmore btn btn-success\" target=\"_self\">Ver Sentencia Completa...<\/a><\/div><\/div><\/div><\/div>\n<div class=\"col-md-12 col-sm-12 col-xs-12 pt-cv-content-item pt-cv-1-col\" ><div class='pt-cv-ifield'><a href=\"https:\/\/www.dmsjuridica.com\/buscador_20179478954\/corteconstitucionalcronologico202454587\/c-443-09\/\" class=\"_self pt-cv-href-thumbnail pt-cv-thumb-default\" target=\"_self\" ><\/a>\n<div class=\"pt-cv-taxoterm above_title\"><a href='https:\/\/www.dmsjuridica.com\/buscador_20179478954\/corteconstitucionalcronologico202454587\/category\/buscar-en-toda-la-corte\/2009\/sentencias-2009\/' title='Sentencias 2009' class='pt-cv-tax-sentencias-2009'>Sentencias 2009<\/a><\/div>\n<h4 class=\"pt-cv-title\"><a href=\"https:\/\/www.dmsjuridica.com\/buscador_20179478954\/corteconstitucionalcronologico202454587\/c-443-09\/\" class=\"_self\" target=\"_self\" >C-443-09<\/a><\/h4>\n<div class=\"pt-cv-content\">\u00a0 \u00a0 Sentencia C-443-09 \u00a0 Referencia: expediente D-7419 \u00a0 Demanda \u00a0de \u00a0inconstitucionalidad \u00a0contra \u00a0el \u00a0art\u00edculo \u00a034 (parcial) de la Ley 685 de 2001 \u201cpor la \u00a0cual se expide el C\u00f3digo de Minas\u201d. \u00a0\u00a0 Actores: \u00a0 Daniel \u00a0 Manrique \u00a0 y \u00a0Jer\u00f3nimo \u00a0Mart\u00ednez \u00a0Lugo \u00a0\u00a0 Dr. HUMBERTO ANTONIO SIERRA \u00a0PORTO \u00a0\u00a0 Bogot\u00e1, \u00a0D. C., ocho (8) de julio de dos mil \u00a0nueve (2009). \u00a0\u00a0 La \u00a0Sala Plena de la Corte Constitucional, en \u00a0ejercicio \u00a0 de \u00a0 sus \u00a0 atribuciones \u00a0constitucionales, \u00a0una \u00a0vez \u00a0cumplidos \u00a0los \u00a0requisitos \u00a0y agotados los tr\u00e1mites establecidos en el Decreto 2067 de 1991, ha \u00a0proferido la siguiente \u00a0\u00a0 ...<br \/><div class=\"pt-cv-rmwrap\"><a href=\"https:\/\/www.dmsjuridica.com\/buscador_20179478954\/corteconstitucionalcronologico202454587\/c-443-09\/\" class=\"_self pt-cv-readmore btn btn-success\" target=\"_self\">Ver Sentencia Completa...<\/a><\/div><\/div><\/div><\/div>\n<div class=\"col-md-12 col-sm-12 col-xs-12 pt-cv-content-item pt-cv-1-col\" ><div class='pt-cv-ifield'><a href=\"https:\/\/www.dmsjuridica.com\/buscador_20179478954\/corteconstitucionalcronologico202454587\/c-442-09\/\" class=\"_self pt-cv-href-thumbnail pt-cv-thumb-default\" target=\"_self\" ><\/a>\n<div class=\"pt-cv-taxoterm above_title\"><a href='https:\/\/www.dmsjuridica.com\/buscador_20179478954\/corteconstitucionalcronologico202454587\/category\/buscar-en-toda-la-corte\/2009\/sentencias-2009\/' title='Sentencias 2009' class='pt-cv-tax-sentencias-2009'>Sentencias 2009<\/a><\/div>\n<h4 class=\"pt-cv-title\"><a href=\"https:\/\/www.dmsjuridica.com\/buscador_20179478954\/corteconstitucionalcronologico202454587\/c-442-09\/\" class=\"_self\" target=\"_self\" >C-442-09<\/a><\/h4>\n<div class=\"pt-cv-content\">\u00a0 \u00a0 \u00a0\u00a0 Sentencia C- 442-09 \u00a0 Referencia: expediente D- 7444 \u00a0 Demandante: \u00a0Oneida \u00a0Giraldo y Diana Teresa Sierra G\u00f3mez. \u00a0\u00a0 Magistrado Ponente: \u00a0 Dr. \u00a0HUMBERTO \u00a0ANTONIO \u00a0SIERRA PORTO \u00a0\u00a0 Bogot\u00e1, \u00a0D.C., ocho (8) de julio de dos mil \u00a0nueve (2009). \u00a0\u00a0 I ANTECEDENTES: \u00a0 En \u00a0 ejercicio \u00a0 de \u00a0la \u00a0acci\u00f3n \u00a0p\u00fablica \u00a0consagrada \u00a0en \u00a0el \u00a0art\u00edculo \u00a0241 de la Constituci\u00f3n Pol\u00edtica, las ciudadanas \u00a0Oneida \u00a0Giraldo \u00a0y Diana Teresa Sierra G\u00f3mez, interpusieron acci\u00f3n p\u00fablica de \u00a0inconstitucionalidad \u00a0en \u00a0contra \u00a0de \u00a0los \u00a0art\u00edculos \u00a018 \u00a0(parcial), numeral 37 \u00a0art\u00edculo \u00a041 \u00a0(parcial), \u00a0numeral 2 art\u00edculo 43 (parcial), numeral 5 art\u00edculo \u00a044 \u00a0(parcial) \u00a0y \u00a0art\u00edculo ...<br \/><div class=\"pt-cv-rmwrap\"><a href=\"https:\/\/www.dmsjuridica.com\/buscador_20179478954\/corteconstitucionalcronologico202454587\/c-442-09\/\" class=\"_self pt-cv-readmore btn btn-success\" target=\"_self\">Ver Sentencia Completa...<\/a><\/div><\/div><\/div><\/div>\n<div class=\"col-md-12 col-sm-12 col-xs-12 pt-cv-content-item pt-cv-1-col\" ><div class='pt-cv-ifield'><a href=\"https:\/\/www.dmsjuridica.com\/buscador_20179478954\/corteconstitucionalcronologico202454587\/c-441-09\/\" class=\"_self pt-cv-href-thumbnail pt-cv-thumb-default\" target=\"_self\" ><\/a>\n<div class=\"pt-cv-taxoterm above_title\"><a href='https:\/\/www.dmsjuridica.com\/buscador_20179478954\/corteconstitucionalcronologico202454587\/category\/buscar-en-toda-la-corte\/2009\/sentencias-2009\/' title='Sentencias 2009' class='pt-cv-tax-sentencias-2009'>Sentencias 2009<\/a><\/div>\n<h4 class=\"pt-cv-title\"><a href=\"https:\/\/www.dmsjuridica.com\/buscador_20179478954\/corteconstitucionalcronologico202454587\/c-441-09\/\" class=\"_self\" target=\"_self\" >C-441-09<\/a><\/h4>\n<div class=\"pt-cv-content\">Referencia: expediente OP-122 \u00a0 Objeciones \u00a0Presidenciales al Proyecto de Ley \u00a0No. \u00a0217 \u00a0de \u00a02007 \u00a0Senado, \u00a0098 \u00a0de \u00a02007 \u00a0C\u00e1mara, \u00a0\u201cpor medio de la cual se \u00a0conmemoran \u00a0los \u00a030 \u00a0a\u00f1os \u00a0del \u00a0carnaval \u00a0departamental del Atl\u00e1ntico y los 10 \u00a0a\u00f1os \u00a0del \u00a0reinado \u00a0interdepartamental, \u00a0se \u00a0declaran \u00a0patrimonio cultural y se \u00a0dictan otras disposiciones\u201d. \u00a0\u00a0 Magistrado Ponente: \u00a0 Dr. Juan Carlos Henao \u00a0P\u00e9rez \u00a0\u00a0 Bogot\u00e1, \u00a0D.C., \u00a0ocho (8) de julio de dos mil \u00a0nueve (2009). \u00a0\u00a0 La \u00a0Sala \u00a0Plena de la Corte Constitucional en \u00a0ejercicio \u00a0de \u00a0sus \u00a0atribuciones \u00a0constitucionales \u00a0y \u00a0legales, \u00a0en especial las \u00a0previstas \u00a0en \u00a0los art\u00edculos 167 y 241 numeral 8 de ...<br \/><div class=\"pt-cv-rmwrap\"><a href=\"https:\/\/www.dmsjuridica.com\/buscador_20179478954\/corteconstitucionalcronologico202454587\/c-441-09\/\" class=\"_self pt-cv-readmore btn btn-success\" target=\"_self\">Ver Sentencia Completa...<\/a><\/div><\/div><\/div><\/div>\n<div class=\"col-md-12 col-sm-12 col-xs-12 pt-cv-content-item pt-cv-1-col\" ><div class='pt-cv-ifield'><a href=\"https:\/\/www.dmsjuridica.com\/buscador_20179478954\/corteconstitucionalcronologico202454587\/c-430-09\/\" class=\"_self pt-cv-href-thumbnail pt-cv-thumb-default\" target=\"_self\" ><\/a>\n<div class=\"pt-cv-taxoterm above_title\"><a href='https:\/\/www.dmsjuridica.com\/buscador_20179478954\/corteconstitucionalcronologico202454587\/category\/buscar-en-toda-la-corte\/2009\/sentencias-2009\/' title='Sentencias 2009' class='pt-cv-tax-sentencias-2009'>Sentencias 2009<\/a><\/div>\n<h4 class=\"pt-cv-title\"><a href=\"https:\/\/www.dmsjuridica.com\/buscador_20179478954\/corteconstitucionalcronologico202454587\/c-430-09\/\" class=\"_self\" target=\"_self\" >C-430-09<\/a><\/h4>\n<div class=\"pt-cv-content\">\u00a0 \u00a0 Sentencia C-430-09 \u00a0 Referencia: expediente D-7645 \u00a0 Demandante: \u00a0Juan \u00a0Manuel Charry Urue\u00f1a. \u00a0\u00a0 Demanda \u00a0de \u00a0inconstitucionalidad \u00a0contra \u00a0el \u00a0art\u00edculo\u00a0 1\u00ba (parcial) de la Ley 1250 de 2008. \u00a0\u00a0 Magistrado \u00a0 \u00a0 \u00a0Ponente: \u00a0\u00a0 Juan \u00a0Carlos \u00a0Henao \u00a0P\u00e9rez\u00a0 \u00a0\u00a0 Bogot\u00e1 \u00a0D.C.,\u00a0 \u00a0primero (1) de julio de \u00a0dos mil nueve (2009) \u00a0\u00a0 La \u00a0Sala Plena de la Corte Constitucional, en \u00a0ejercicio \u00a0de \u00a0sus \u00a0atribuciones \u00a0constitucionales \u00a0y \u00a0en \u00a0cumplimiento \u00a0de \u00a0los \u00a0requisitos \u00a0y \u00a0tr\u00e1mites \u00a0establecidos \u00a0en \u00a0el decreto 2067 de 1991, profiere la \u00a0presente \u00a0\u00a0 SENTENCIA \u00a0 \u00a0\u00a0 I. ANTECEDENTES. \u00a0 \u00a0\u00a0 En \u00a0 ejercicio \u00a0 de \u00a0la \u00a0acci\u00f3n \u00a0p\u00fablica \u00a0consagrada ...<br \/><div class=\"pt-cv-rmwrap\"><a href=\"https:\/\/www.dmsjuridica.com\/buscador_20179478954\/corteconstitucionalcronologico202454587\/c-430-09\/\" class=\"_self pt-cv-readmore btn btn-success\" target=\"_self\">Ver Sentencia Completa...<\/a><\/div><\/div><\/div><\/div>\n<div class=\"col-md-12 col-sm-12 col-xs-12 pt-cv-content-item pt-cv-1-col\" ><div class='pt-cv-ifield'><a href=\"https:\/\/www.dmsjuridica.com\/buscador_20179478954\/corteconstitucionalcronologico202454587\/c-429-09\/\" class=\"_self pt-cv-href-thumbnail pt-cv-thumb-default\" target=\"_self\" ><\/a>\n<div class=\"pt-cv-taxoterm above_title\"><a href='https:\/\/www.dmsjuridica.com\/buscador_20179478954\/corteconstitucionalcronologico202454587\/category\/buscar-en-toda-la-corte\/2009\/sentencias-2009\/' title='Sentencias 2009' class='pt-cv-tax-sentencias-2009'>Sentencias 2009<\/a><\/div>\n<h4 class=\"pt-cv-title\"><a href=\"https:\/\/www.dmsjuridica.com\/buscador_20179478954\/corteconstitucionalcronologico202454587\/c-429-09\/\" class=\"_self\" target=\"_self\" >C-429-09<\/a><\/h4>\n<div class=\"pt-cv-content\">\u00a0 \u00a0 Sentencia C-429-09 \u00a0 Referencia: expediente D-7563 \u00a0 Demandante: \u00a0 \u00a0Lina \u00a0 \u00a0Mar\u00eda \u00a0 \u00a0Zuluaga \u00a0Mendoza. \u00a0\u00a0 Demanda \u00a0de \u00a0inconstitucionalidad \u00a0contra \u00a0el \u00a0art\u00edculo 139 de la Ley 1151 de 2007. \u00a0\u00a0 Magistrada Ponente: \u00a0 Dra. \u00a0 \u00a0 \u00a0 \u00a0 \u00a0Mar\u00eda Victoria Calle Correa \u00a0\u00a0 Bogot\u00e1, \u00a0D.C., primero (01) de Julio de dos \u00a0mil nueve (2009) \u00a0\u00a0 La Sala Plena de la Corte Constitucional, en \u00a0cumplimiento \u00a0de \u00a0sus atribuciones constitucionales y de los requisitos y de los \u00a0tr\u00e1mites \u00a0establecidos \u00a0en \u00a0el Decreto 2067 de 1991, ha proferido la siguiente, \u00a0\u00a0 SENTENCIA \u00a0\u00a0 I. ANTECEDENTES \u00a0 En \u00a0ejercicio \u00a0de \u00a0la \u00a0acci\u00f3n ...<br \/><div class=\"pt-cv-rmwrap\"><a href=\"https:\/\/www.dmsjuridica.com\/buscador_20179478954\/corteconstitucionalcronologico202454587\/c-429-09\/\" class=\"_self pt-cv-readmore btn btn-success\" target=\"_self\">Ver Sentencia Completa...<\/a><\/div><\/div><\/div><\/div>\n<div class=\"col-md-12 col-sm-12 col-xs-12 pt-cv-content-item pt-cv-1-col\" ><div class='pt-cv-ifield'><a href=\"https:\/\/www.dmsjuridica.com\/buscador_20179478954\/corteconstitucionalcronologico202454587\/c-428-09\/\" class=\"_self pt-cv-href-thumbnail pt-cv-thumb-default\" target=\"_self\" ><\/a>\n<div class=\"pt-cv-taxoterm above_title\"><a href='https:\/\/www.dmsjuridica.com\/buscador_20179478954\/corteconstitucionalcronologico202454587\/category\/buscar-en-toda-la-corte\/2009\/sentencias-2009\/' title='Sentencias 2009' class='pt-cv-tax-sentencias-2009'>Sentencias 2009<\/a><\/div>\n<h4 class=\"pt-cv-title\"><a href=\"https:\/\/www.dmsjuridica.com\/buscador_20179478954\/corteconstitucionalcronologico202454587\/c-428-09\/\" class=\"_self\" target=\"_self\" >C-428-09<\/a><\/h4>\n<div class=\"pt-cv-content\">\u00a0 \u00a0 PENSI\u00d3N DE INVALIDEZ, REQUISITOS \u00a0 Corte \u00a0Constitucional. \u00a0Sala \u00a0Plena. \u00a0M. \u00a0P. \u00a0Mauricio \u00a0Gonz\u00e1lez \u00a0Cuervo. \u00a0Sentencia C-428 del 1 de julio de 2009. Expediente \u00a0D-7488. \u00a0\u00a0 S\u00edntesis: \u00a0 El \u00a0demandante \u00a0acusa \u00a0como inconstitucional el art\u00edculo 1\u00ba de la Ley 860 de 2003, \u00a0mediante \u00a0el \u00a0cual \u00a0se \u00a0establecen \u00a0los requisitos para acceder a la pensi\u00f3n de \u00a0invalidez \u00a0 causada \u00a0 por \u00a0 enfermedad \u00a0o \u00a0accidente \u00a0(numerales \u00a01 \u00a0y \u00a02), \u00a0por \u00a0considerarlo \u00a0contrario \u00a0al principio de progresividad, y regresivo en relaci\u00f3n \u00a0con \u00a0lo \u00a0dispuesto en el art\u00edculo 39 (original) de la Ley 100 de 1993. La Corte \u00a0declara \u00a0exequible \u00a0el \u00a0numeral ...<br \/><div class=\"pt-cv-rmwrap\"><a href=\"https:\/\/www.dmsjuridica.com\/buscador_20179478954\/corteconstitucionalcronologico202454587\/c-428-09\/\" class=\"_self pt-cv-readmore btn btn-success\" target=\"_self\">Ver Sentencia Completa...<\/a><\/div><\/div><\/div><\/div>\n<div class=\"col-md-12 col-sm-12 col-xs-12 pt-cv-content-item pt-cv-1-col\" ><div class='pt-cv-ifield'><a href=\"https:\/\/www.dmsjuridica.com\/buscador_20179478954\/corteconstitucionalcronologico202454587\/c-427-09\/\" class=\"_self pt-cv-href-thumbnail pt-cv-thumb-default\" target=\"_self\" ><\/a>\n<div class=\"pt-cv-taxoterm above_title\"><a href='https:\/\/www.dmsjuridica.com\/buscador_20179478954\/corteconstitucionalcronologico202454587\/category\/buscar-en-toda-la-corte\/2009\/sentencias-2009\/' title='Sentencias 2009' class='pt-cv-tax-sentencias-2009'>Sentencias 2009<\/a><\/div>\n<h4 class=\"pt-cv-title\"><a href=\"https:\/\/www.dmsjuridica.com\/buscador_20179478954\/corteconstitucionalcronologico202454587\/c-427-09\/\" class=\"_self\" target=\"_self\" >C-427-09<\/a><\/h4>\n<div class=\"pt-cv-content\">\u00a0 \u00a0 Sentencia C-427-09 \u00a0 \u00a0 \u00a0\u00a0 \u00a0\u00a0 \u00a0\u00a0\u00a0\u00a0\u00a0\u00a0\u00a0\u00a0\u00a0\u00a0\u00a0 Referencia: \u00a0Expediente No. D-7481. \u00a0\u00a0 \u00a0 \u00a0\u00a0 \u00a0\u00a0 \u00a0\u00a0 \u00a0\u00a0 \u00a0 \u00a0 \u00a0 \u00a0 \u00a0 \u00a0\u00a0 \u00a0 \u00a0\u00a0 Demanda \u00a0de \u00a0inconstitucionalidad: \u00a0 contra \u00a0 el \u00a0 art\u00edculo \u00a0 732 \u00a0 del \u00a0 Decreto-Ley \u00a0624 \u00a0de \u00a01989 \u00a0(parcial) \u00a0\u201cpor \u00a0la \u00a0cual \u00a0se \u00a0expide \u00a0el \u00a0Estatuto \u00a0Tributario \u00a0de \u00a0los \u00a0impuestos \u00a0administrados \u00a0por \u00a0la \u00a0Direcci\u00f3n \u00a0de Impuestos \u00a0Nacionales\u201d \u00a0\u00a0 Actor: \u00a0Obdulio \u00a0de \u00a0Jes\u00fas Hern\u00e1ndez Monta\u00f1a \u00a0\u00a0 \u00a0 \u00a0 \u00a0 \u00a0 \u00a0 Bogot\u00e1, \u00a0D. C., Primero (01) de julio de dos \u00a0mil nueve (2009) \u00a0\u00a0 La \u00a0Sala Plena de la Corte Constitucional, en \u00a0cumplimiento \u00a0de ...<br \/><div class=\"pt-cv-rmwrap\"><a href=\"https:\/\/www.dmsjuridica.com\/buscador_20179478954\/corteconstitucionalcronologico202454587\/c-427-09\/\" class=\"_self pt-cv-readmore btn btn-success\" target=\"_self\">Ver Sentencia Completa...<\/a><\/div><\/div><\/div><\/div>\n<div class=\"col-md-12 col-sm-12 col-xs-12 pt-cv-content-item pt-cv-1-col\" ><div class='pt-cv-ifield'><a href=\"https:\/\/www.dmsjuridica.com\/buscador_20179478954\/corteconstitucionalcronologico202454587\/c-426-09\/\" class=\"_self pt-cv-href-thumbnail pt-cv-thumb-default\" target=\"_self\" ><\/a>\n<div class=\"pt-cv-taxoterm above_title\"><a href='https:\/\/www.dmsjuridica.com\/buscador_20179478954\/corteconstitucionalcronologico202454587\/category\/buscar-en-toda-la-corte\/2009\/sentencias-2009\/' title='Sentencias 2009' class='pt-cv-tax-sentencias-2009'>Sentencias 2009<\/a><\/div>\n<h4 class=\"pt-cv-title\"><a href=\"https:\/\/www.dmsjuridica.com\/buscador_20179478954\/corteconstitucionalcronologico202454587\/c-426-09\/\" class=\"_self\" target=\"_self\" >C-426-09<\/a><\/h4>\n<div class=\"pt-cv-content\">\u00a0 \u00a0 Sentencia C-426-09 \u00a0 Referencia: expediente D-7457 \u00a0 Accionante: \u00a0Juan \u00a0Carlos Galindo Vacha. \u00a0\u00a0 Demanda \u00a0de \u00a0inconstitucionalidad \u00a0contra \u00a0el \u00a0art\u00edculo 57 de la Ley 1111 de 2006. \u00a0\u00a0 Magistrada Ponente: \u00a0 Dra. MARIA VICTORIA CALLE CORREA \u00a0 Bogot\u00e1, \u00a0D.C., primero (01) de Julio de dos \u00a0mil nueve (2009). \u00a0\u00a0 La Sala Plena de la Corte Constitucional, en \u00a0cumplimiento \u00a0de \u00a0sus \u00a0atribuciones \u00a0constitucionales \u00a0y \u00a0de \u00a0los \u00a0requisitos de \u00a0tr\u00e1mite \u00a0 establecidos \u00a0 en \u00a0 el \u00a0 Decreto \u00a0 2067 \u00a0de \u00a01991, \u00a0ha \u00a0proferido \u00a0la \u00a0siguiente \u00a0\u00a0 SENTENCIA \u00a0 \u00a0 \u00a0 \u00a0 En \u00a0ejercicio \u00a0de \u00a0la \u00a0acci\u00f3n \u00a0p\u00fablica \u00a0de \u00a0inconstitucionalidad \u00a0consagrada ...<br \/><div class=\"pt-cv-rmwrap\"><a href=\"https:\/\/www.dmsjuridica.com\/buscador_20179478954\/corteconstitucionalcronologico202454587\/c-426-09\/\" class=\"_self pt-cv-readmore btn btn-success\" target=\"_self\">Ver Sentencia Completa...<\/a><\/div><\/div><\/div><\/div>\n<div class=\"col-md-12 col-sm-12 col-xs-12 pt-cv-content-item pt-cv-1-col\" ><div class='pt-cv-ifield'><a href=\"https:\/\/www.dmsjuridica.com\/buscador_20179478954\/corteconstitucionalcronologico202454587\/c-417-09\/\" class=\"_self pt-cv-href-thumbnail pt-cv-thumb-default\" target=\"_self\" ><\/a>\n<div class=\"pt-cv-taxoterm above_title\"><a href='https:\/\/www.dmsjuridica.com\/buscador_20179478954\/corteconstitucionalcronologico202454587\/category\/buscar-en-toda-la-corte\/2009\/sentencias-2009\/' title='Sentencias 2009' class='pt-cv-tax-sentencias-2009'>Sentencias 2009<\/a><\/div>\n<h4 class=\"pt-cv-title\"><a href=\"https:\/\/www.dmsjuridica.com\/buscador_20179478954\/corteconstitucionalcronologico202454587\/c-417-09\/\" class=\"_self\" target=\"_self\" >C-417-09<\/a><\/h4>\n<div class=\"pt-cv-content\">\u00a0 \u00a0 Sentencia C-417-09 \u00a0 JUICIO \u00a0 \u00a0 \u00a0DE \u00a0 \u00a0 \u00a0PROPORCIONALIDAD \u00a0ESTRICTO-Aplicaci\u00f3n en norma que restringe un derecho \u00a0preferente\/EXCEPCION \u00a0 A \u00a0LA \u00a0EXCEPTIO \u00a0VERITATIS \u00a0EN \u00a0DELITOS \u00a0CONTRA LA INTEGRIDAD MORAL-No supera juicio de \u00a0proporcionalidad \u00a0\u00a0 En \u00a0este \u00a0caso, \u00a0la \u00a0Corte \u00a0constitucional se \u00a0enfrenta \u00a0a una disposici\u00f3n legal contenida en el numeral primero del art\u00edculo \u00a0224 \u00a0de \u00a0la \u00a0Ley \u00a0599 \u00a0de \u00a02000, que limita el derecho de defensa en cuanto a no \u00a0poder \u00a0ejercer la exceptio veritatis, y por otro lado, impone restricciones a la \u00a0libertad \u00a0de \u00a0expresi\u00f3n \u00a0en \u00a0sus \u00a0diversas \u00a0formas, habiendo sido reconocido el \u00a0derecho \u00a0de \u00a0libertad \u00a0de ...<br \/><div class=\"pt-cv-rmwrap\"><a href=\"https:\/\/www.dmsjuridica.com\/buscador_20179478954\/corteconstitucionalcronologico202454587\/c-417-09\/\" class=\"_self pt-cv-readmore btn btn-success\" target=\"_self\">Ver Sentencia Completa...<\/a><\/div><\/div><\/div><\/div>\n<div class=\"col-md-12 col-sm-12 col-xs-12 pt-cv-content-item pt-cv-1-col\" ><div class='pt-cv-ifield'><a href=\"https:\/\/www.dmsjuridica.com\/buscador_20179478954\/corteconstitucionalcronologico202454587\/c-409-09\/\" class=\"_self pt-cv-href-thumbnail pt-cv-thumb-default\" target=\"_self\" ><\/a>\n<div class=\"pt-cv-taxoterm above_title\"><a href='https:\/\/www.dmsjuridica.com\/buscador_20179478954\/corteconstitucionalcronologico202454587\/category\/buscar-en-toda-la-corte\/2009\/sentencias-2009\/' title='Sentencias 2009' class='pt-cv-tax-sentencias-2009'>Sentencias 2009<\/a><\/div>\n<h4 class=\"pt-cv-title\"><a href=\"https:\/\/www.dmsjuridica.com\/buscador_20179478954\/corteconstitucionalcronologico202454587\/c-409-09\/\" class=\"_self\" target=\"_self\" >C-409-09<\/a><\/h4>\n<div class=\"pt-cv-content\">\u00a0 \u00a0 Sentencia \u00a0C-409-09 \u00a0\u00a0 Referencia: expediente D- 7478 \u00a0 Demanda \u00a0de \u00a0inconstitucionalidad \u00a0contra \u00a0el \u00a0art\u00edculo 108 (parcial) de la Ley 906 de 2004. \u00a0\u00a0 Demandante: \u00a0 Manuel \u00a0 Antonio \u00a0Echavarr\u00eda \u00a0Quiroz \u00a0\u00a0 Magistrado Ponente: \u00a0 Dr. JUAN CARLOS HENAO PEREZ \u00a0 Bogot\u00e1, D. C., diez y siete (17) de junio de \u00a0dos mil nueve (2009). \u00a0\u00a0 La Sala Plena de la Corte Constitucional, en \u00a0cumplimiento \u00a0de \u00a0sus \u00a0atribuciones \u00a0constitucionales \u00a0y \u00a0de \u00a0los \u00a0requisitos \u00a0y \u00a0tr\u00e1mites \u00a0 establecidos \u00a0 en \u00a0 el \u00a0 Decreto \u00a02067 \u00a0de \u00a01991, \u00a0ha \u00a0proferido \u00a0la \u00a0siguiente \u00a0\u00a0 S \u00a0E \u00a0N \u00a0T \u00a0E \u00a0N \u00a0C \u00a0I ...<br \/><div class=\"pt-cv-rmwrap\"><a href=\"https:\/\/www.dmsjuridica.com\/buscador_20179478954\/corteconstitucionalcronologico202454587\/c-409-09\/\" class=\"_self pt-cv-readmore btn btn-success\" target=\"_self\">Ver Sentencia Completa...<\/a><\/div><\/div><\/div><\/div>\n<div class=\"col-md-12 col-sm-12 col-xs-12 pt-cv-content-item pt-cv-1-col\" ><div class='pt-cv-ifield'><a href=\"https:\/\/www.dmsjuridica.com\/buscador_20179478954\/corteconstitucionalcronologico202454587\/c-406-09\/\" class=\"_self pt-cv-href-thumbnail pt-cv-thumb-default\" target=\"_self\" ><\/a>\n<div class=\"pt-cv-taxoterm above_title\"><a href='https:\/\/www.dmsjuridica.com\/buscador_20179478954\/corteconstitucionalcronologico202454587\/category\/buscar-en-toda-la-corte\/2009\/sentencias-2009\/' title='Sentencias 2009' class='pt-cv-tax-sentencias-2009'>Sentencias 2009<\/a><\/div>\n<h4 class=\"pt-cv-title\"><a href=\"https:\/\/www.dmsjuridica.com\/buscador_20179478954\/corteconstitucionalcronologico202454587\/c-406-09\/\" class=\"_self\" target=\"_self\" >C-406-09<\/a><\/h4>\n<div class=\"pt-cv-content\">\u00a0 \u00a0 Sentencia C-406-09 \u00a0 Referencia: expediente D-7459. \u00a0 Demanda de inconstitucionalidad contra la Ley \u00a01152 \u00a0de \u00a02007 \u00a0\u201cPor la cual se dicta el Estatuto de \u00a0Desarrollo \u00a0Rural, \u00a0se \u00a0reforma \u00a0el \u00a0Instituto \u00a0Colombiano \u00a0de Desarrollo Rural, \u00a0Incoder, \u00a0y \u00a0se \u00a0dictan \u00a0otras \u00a0disposiciones\u201d y sus \u00a0art\u00edculos \u00a02, 4, 5, 13, 16, 21, 34, 35, 38, 44, 47, 50, 52, 56, 60, 62, 71, 74, \u00a088, 90, 91, 121, 123, 124, 125, 126, 130,131, 138, 160 y 161. \u00a0\u00a0 Demandantes: \u00a0Eduardo \u00a0Carre\u00f1o \u00a0Wilches \u00a0y \u00a0otros. \u00a0\u00a0 Magistrado Ponente: \u00a0 Dr. Nilson Pinilla Pinilla. \u00a0 Bogot\u00e1, \u00a0D.C., \u00a0junio diecisiete (17) de dos \u00a0mil ...<br \/><div class=\"pt-cv-rmwrap\"><a href=\"https:\/\/www.dmsjuridica.com\/buscador_20179478954\/corteconstitucionalcronologico202454587\/c-406-09\/\" class=\"_self pt-cv-readmore btn btn-success\" target=\"_self\">Ver Sentencia Completa...<\/a><\/div><\/div><\/div><\/div>\n<div class=\"col-md-12 col-sm-12 col-xs-12 pt-cv-content-item pt-cv-1-col\" ><div class='pt-cv-ifield'><a href=\"https:\/\/www.dmsjuridica.com\/buscador_20179478954\/corteconstitucionalcronologico202454587\/c-405-09\/\" class=\"_self pt-cv-href-thumbnail pt-cv-thumb-default\" target=\"_self\" ><\/a>\n<div class=\"pt-cv-taxoterm above_title\"><a href='https:\/\/www.dmsjuridica.com\/buscador_20179478954\/corteconstitucionalcronologico202454587\/category\/buscar-en-toda-la-corte\/2009\/sentencias-2009\/' title='Sentencias 2009' class='pt-cv-tax-sentencias-2009'>Sentencias 2009<\/a><\/div>\n<h4 class=\"pt-cv-title\"><a href=\"https:\/\/www.dmsjuridica.com\/buscador_20179478954\/corteconstitucionalcronologico202454587\/c-405-09\/\" class=\"_self\" target=\"_self\" >C-405-09<\/a><\/h4>\n<div class=\"pt-cv-content\">\u00a0 \u00a0 Sentencia \u00a0C-405-09 \u00a0\u00a0 Referencia: \u00a0expediente \u00a0D-7572 \u00a0\u00a0 Demanda \u00a0de \u00a0inconstitucionalidad \u00a0contra \u00a0el \u00a0art\u00edculo \u00a0217 \u00a0(parcial) \u00a0del C\u00f3digo Civil, modificado por el art\u00edculo 5\u00ba de \u00a0la Ley 1060 de 2006. \u00a0\u00a0 Actor: \u00a0 \u00a0 David \u00a0 \u00a0Orlando \u00a0 \u00a0Corredor \u00a0Vel\u00e1squez \u00a0\u00a0 Magistrado Ponente: \u00a0 Dr. \u00a0Luis Ernesto \u00a0Vargas Silva \u00a0\u00a0 Bogot\u00e1 D.C., diecisiete \u00a0(17) de junio de dos mil nueve (2009). \u00a0\u00a0 La Sala Plena de la Corte Constitucional, en \u00a0ejercicio \u00a0de \u00a0sus \u00a0atribuciones \u00a0constitucionales \u00a0y \u00a0en \u00a0cumplimiento \u00a0de \u00a0los \u00a0requisitos \u00a0y tr\u00e1mites establecidos en el Decreto 2067 de 1991, ha proferido la \u00a0presente Sentencia. \u00a0\u00a0 I. \u00a0ANTECEDENTES \u00a0\u00a0 ...<br \/><div class=\"pt-cv-rmwrap\"><a href=\"https:\/\/www.dmsjuridica.com\/buscador_20179478954\/corteconstitucionalcronologico202454587\/c-405-09\/\" class=\"_self pt-cv-readmore btn btn-success\" target=\"_self\">Ver Sentencia Completa...<\/a><\/div><\/div><\/div><\/div>\n<div class=\"col-md-12 col-sm-12 col-xs-12 pt-cv-content-item pt-cv-1-col\" ><div class='pt-cv-ifield'><a href=\"https:\/\/www.dmsjuridica.com\/buscador_20179478954\/corteconstitucionalcronologico202454587\/c-380-09\/\" class=\"_self pt-cv-href-thumbnail pt-cv-thumb-default\" target=\"_self\" ><\/a>\n<div class=\"pt-cv-taxoterm above_title\"><a href='https:\/\/www.dmsjuridica.com\/buscador_20179478954\/corteconstitucionalcronologico202454587\/category\/buscar-en-toda-la-corte\/2009\/sentencias-2009\/' title='Sentencias 2009' class='pt-cv-tax-sentencias-2009'>Sentencias 2009<\/a><\/div>\n<h4 class=\"pt-cv-title\"><a href=\"https:\/\/www.dmsjuridica.com\/buscador_20179478954\/corteconstitucionalcronologico202454587\/c-380-09\/\" class=\"_self\" target=\"_self\" >C-380-09<\/a><\/h4>\n<div class=\"pt-cv-content\">\u00a0 \u00a0 Sentencia C-380-09 \u00a0 Referencia: expediente D-7510 \u00a0 Asunto: Demanda de inconstitucionalidad contra \u00a0el \u00a0art\u00edculo \u00a0167 \u00a0del Decreto Ley 960 de 1970, \u201cPor \u00a0el \u00a0 \u00a0 cual \u00a0 \u00a0 se \u00a0 \u00a0 expide \u00a0 \u00a0 el \u00a0 \u00a0Estatuto \u00a0 \u00a0del \u00a0 \u00a0Notariado\u201d. \u00a0\u00a0 Demandante: \u00a0 Paulina G\u00f3mez Gonz\u00e1lez \u00a0 Magistrado Ponente: \u00a0 Dr. \u00a0 \u00a0 GABRIEL \u00a0 \u00a0 EDUARDO \u00a0 \u00a0MENDOZA \u00a0MARTELO \u00a0\u00a0 Bogot\u00e1 D.C., veintisiete (27) de mayo de dos \u00a0mil nueve (2009) \u00a0\u00a0 La Sala Plena de la Corte Constitucional, en \u00a0cumplimiento \u00a0de \u00a0sus \u00a0atribuciones \u00a0constitucionales \u00a0y \u00a0de \u00a0los \u00a0requisitos \u00a0y \u00a0tr\u00e1mites \u00a0 establecidos \u00a0 en \u00a0 ...<br \/><div class=\"pt-cv-rmwrap\"><a href=\"https:\/\/www.dmsjuridica.com\/buscador_20179478954\/corteconstitucionalcronologico202454587\/c-380-09\/\" class=\"_self pt-cv-readmore btn btn-success\" target=\"_self\">Ver Sentencia Completa...<\/a><\/div><\/div><\/div><\/div>\n<div class=\"col-md-12 col-sm-12 col-xs-12 pt-cv-content-item pt-cv-1-col\" ><div class='pt-cv-ifield'><a href=\"https:\/\/www.dmsjuridica.com\/buscador_20179478954\/corteconstitucionalcronologico202454587\/c-379-09\/\" class=\"_self pt-cv-href-thumbnail pt-cv-thumb-default\" target=\"_self\" ><\/a>\n<div class=\"pt-cv-taxoterm above_title\"><a href='https:\/\/www.dmsjuridica.com\/buscador_20179478954\/corteconstitucionalcronologico202454587\/category\/buscar-en-toda-la-corte\/2009\/sentencias-2009\/' title='Sentencias 2009' class='pt-cv-tax-sentencias-2009'>Sentencias 2009<\/a><\/div>\n<h4 class=\"pt-cv-title\"><a href=\"https:\/\/www.dmsjuridica.com\/buscador_20179478954\/corteconstitucionalcronologico202454587\/c-379-09\/\" class=\"_self\" target=\"_self\" >C-379-09<\/a><\/h4>\n<div class=\"pt-cv-content\">\u00a0 \u00a0 Sentencia C-379-09 \u00a0 Referencia: expediente LAT-331 \u00a0 Revisi\u00f3n \u00a0Constitucional \u00a0de \u00a0la Ley 1206 de \u00a02008 \u201cPor medio de la cual se aprueban las enmiendas \u00a0a \u00a0la \u00a0Constituci\u00f3n \u00a0de \u00a0la \u00a0Organizaci\u00f3n \u00a0Internacional \u00a0para las Migraciones \u00a0\u2013OIM-, \u00a0adoptadas mediante \u00a0la \u00a0 Resoluci\u00f3n \u00a0 numeral \u00a0 997 \u00a0 (LXXVI) \u00a0 del \u00a0Consejo \u00a0de \u00a0la \u00a0Organizaci\u00f3n \u00a0Internacional \u00a0para \u00a0las \u00a0Migraciones, \u00a0aprobada \u00a0en su 421 sesi\u00f3n, en Ginebra, \u00a0Suiza, \u00a0el \u00a024 \u00a0de \u00a0Noviembre \u00a0de \u00a01998\u201d \u00a0y \u00a0de \u00a0las \u00a0mencionadas enmiendas. \u00a0\u00a0 Magistrada Ponente: \u00a0 Dra. MARIA VICTORIA CALLE CORREA \u00a0 Bogot\u00e1, D.C., veintisiete (27) de mayo de dos \u00a0mil nueve (2009) \u00a0\u00a0 La ...<br \/><div class=\"pt-cv-rmwrap\"><a href=\"https:\/\/www.dmsjuridica.com\/buscador_20179478954\/corteconstitucionalcronologico202454587\/c-379-09\/\" class=\"_self pt-cv-readmore btn btn-success\" target=\"_self\">Ver Sentencia Completa...<\/a><\/div><\/div><\/div><\/div>\n<div class=\"col-md-12 col-sm-12 col-xs-12 pt-cv-content-item pt-cv-1-col\" ><div class='pt-cv-ifield'><a href=\"https:\/\/www.dmsjuridica.com\/buscador_20179478954\/corteconstitucionalcronologico202454587\/c-378-09\/\" class=\"_self pt-cv-href-thumbnail pt-cv-thumb-default\" target=\"_self\" ><\/a>\n<div class=\"pt-cv-taxoterm above_title\"><a href='https:\/\/www.dmsjuridica.com\/buscador_20179478954\/corteconstitucionalcronologico202454587\/category\/buscar-en-toda-la-corte\/2009\/sentencias-2009\/' title='Sentencias 2009' class='pt-cv-tax-sentencias-2009'>Sentencias 2009<\/a><\/div>\n<h4 class=\"pt-cv-title\"><a href=\"https:\/\/www.dmsjuridica.com\/buscador_20179478954\/corteconstitucionalcronologico202454587\/c-378-09\/\" class=\"_self\" target=\"_self\" >C-378-09<\/a><\/h4>\n<div class=\"pt-cv-content\">\u00a0 \u00a0 Sentencia C-378-09 \u00a0 Referencia: expediente LAT-324 \u00a0 Revisi\u00f3n \u00a0 de \u00a0 constitucionalidad \u00a0 del \u00a0\u201cConvenio \u00a0de \u00a0Cooperaci\u00f3n \u00a0T\u00e9cnica \u00a0y Cient\u00edfica \u00a0entre \u00a0el \u00a0Gobierno \u00a0de la Rep\u00fablica de Colombia y el Gobierno de la Rep\u00fablica \u00a0Dominicana, \u00a0suscrito en la ciudad de Bogot\u00e1, Colombia a los 3 d\u00edas del mes de \u00a0agosto \u00a0de \u00a02004\u201d,\u00a0 y de la Ley 1192 de 2008 que \u00a0lo aprueba. \u00a0\u00a0 Magistrado Ponente: \u00a0 Dr. HUMBERTO ANTONIO SIERRA \u00a0PORTO \u00a0\u00a0 Bogot\u00e1, \u00a0D.C., \u00a0veintisiete (27) de mayo de \u00a0dos mil nueve (2009) \u00a0\u00a0 La Sala Plena de la Corte Constitucional, en \u00a0cumplimiento \u00a0de \u00a0sus \u00a0atribuciones \u00a0constitucionales \u00a0y ...<br \/><div class=\"pt-cv-rmwrap\"><a href=\"https:\/\/www.dmsjuridica.com\/buscador_20179478954\/corteconstitucionalcronologico202454587\/c-378-09\/\" class=\"_self pt-cv-readmore btn btn-success\" target=\"_self\">Ver Sentencia Completa...<\/a><\/div><\/div><\/div><\/div>\n<div class=\"col-md-12 col-sm-12 col-xs-12 pt-cv-content-item pt-cv-1-col\" ><div class='pt-cv-ifield'><a href=\"https:\/\/www.dmsjuridica.com\/buscador_20179478954\/corteconstitucionalcronologico202454587\/c-376-09\/\" class=\"_self pt-cv-href-thumbnail pt-cv-thumb-default\" target=\"_self\" ><\/a>\n<div class=\"pt-cv-taxoterm above_title\"><a href='https:\/\/www.dmsjuridica.com\/buscador_20179478954\/corteconstitucionalcronologico202454587\/category\/buscar-en-toda-la-corte\/2009\/sentencias-2009\/' title='Sentencias 2009' class='pt-cv-tax-sentencias-2009'>Sentencias 2009<\/a><\/div>\n<h4 class=\"pt-cv-title\"><a href=\"https:\/\/www.dmsjuridica.com\/buscador_20179478954\/corteconstitucionalcronologico202454587\/c-376-09\/\" class=\"_self\" target=\"_self\" >C-376-09<\/a><\/h4>\n<div class=\"pt-cv-content\">\u00a0 \u00a0 Sentencia C-376-09 \u00a0 Referencia: expediente LAT-332 \u00a0 Asunto: \u00a0Revisi\u00f3n \u00a0constitucional \u00a0de la Ley \u00a01207 \u00a0de \u00a02008, \u00a0por \u00a0medio \u00a0de \u00a0la \u00a0cual se aprueba la \u00a0\u201cConvenci\u00f3n Internacional \u00a0contra \u00a0el \u00a0dopaje \u00a0en \u00a0el \u00a0deporte, \u00a0aprobada \u00a0por la Conferencia General de la \u00a0Organizaci\u00f3n \u00a0de \u00a0las \u00a0Naciones \u00a0Unidas \u00a0para \u00a0la \u00a0educaci\u00f3n, \u00a0la ciencia y la \u00a0cultura, \u00a0 UNESCO, \u00a0 en \u00a0 Par\u00eds \u00a0 el \u00a0 19 \u00a0de \u00a0octubre \u00a0de \u00a02005\u201d. \u00a0\u00a0 Magistrado Ponente: \u00a0 Dr. GABRIEL EDUARDO MENDOZA MARTELO \u00a0 Bogot\u00e1 D.C.,\u00a0 veintisiete (27) de mayo \u00a0de dos mil nueve (2009) \u00a0\u00a0 I. \u00a0 \u00a0 \u00a0 \u00a0\u00a0 \u00a0ANTECEDENTES \u00a0\u00a0 La Secretar\u00eda Jur\u00eddica ...<br \/><div class=\"pt-cv-rmwrap\"><a href=\"https:\/\/www.dmsjuridica.com\/buscador_20179478954\/corteconstitucionalcronologico202454587\/c-376-09\/\" class=\"_self pt-cv-readmore btn btn-success\" target=\"_self\">Ver Sentencia Completa...<\/a><\/div><\/div><\/div><\/div>\n<div class=\"col-md-12 col-sm-12 col-xs-12 pt-cv-content-item pt-cv-1-col\" ><div class='pt-cv-ifield'><a href=\"https:\/\/www.dmsjuridica.com\/buscador_20179478954\/corteconstitucionalcronologico202454587\/c-375-09\/\" class=\"_self pt-cv-href-thumbnail pt-cv-thumb-default\" target=\"_self\" ><\/a>\n<div class=\"pt-cv-taxoterm above_title\"><a href='https:\/\/www.dmsjuridica.com\/buscador_20179478954\/corteconstitucionalcronologico202454587\/category\/buscar-en-toda-la-corte\/2009\/sentencias-2009\/' title='Sentencias 2009' class='pt-cv-tax-sentencias-2009'>Sentencias 2009<\/a><\/div>\n<h4 class=\"pt-cv-title\"><a href=\"https:\/\/www.dmsjuridica.com\/buscador_20179478954\/corteconstitucionalcronologico202454587\/c-375-09\/\" class=\"_self\" target=\"_self\" >C-375-09<\/a><\/h4>\n<div class=\"pt-cv-content\">\u00a0 \u00a0 Sentencia C-375-09 \u00a0 Referencia:\u00a0expediente D-7395. \u00a0 \u00a0 \u00a0 Demanda de inconstitucionalidad contra la Ley \u00a01152 \u00a0de \u00a02007, \u00a0\u201cpor \u00a0medio \u00a0de la cual se dicta el \u00a0Estatuto \u00a0de \u00a0Desarrollo Rural, se reforma el Instituto Colombiano de Desarrollo \u00a0Rural\u00a0 Incoder y se dictan otras disposiciones\u201d. \u00a0\u00a0 Demandante: \u00a0 \u00a0Juan \u00a0 \u00a0Pablo \u00a0 \u00a0Barrios \u00a0Romero. \u00a0\u00a0 \u00a0 \u00a0\u00a0 \u00a0\u00a0 \u00a0\u00a0 \u00a0\u00a0 \u00a0 \u00a0 \u00a0 \u00a0 \u00a0 \u00a0 \u00a0 \u00a0 \u00a0\u00a0 Magistrado Ponente: \u00a0 Dr. \u00a0Nilson Pinilla \u00a0Pinilla. \u00a0\u00a0 \u00a0 \u00a0 Bogot\u00e1, D.C., mayo veintisiete (27) de\u00a0 \u00a0de dos mil nueve (2009). \u00a0\u00a0 La \u00a0Sala Plena de la Corte Constitucional, en \u00a0cumplimiento ...<br \/><div class=\"pt-cv-rmwrap\"><a href=\"https:\/\/www.dmsjuridica.com\/buscador_20179478954\/corteconstitucionalcronologico202454587\/c-375-09\/\" class=\"_self pt-cv-readmore btn btn-success\" target=\"_self\">Ver Sentencia Completa...<\/a><\/div><\/div><\/div><\/div>\n<div class=\"col-md-12 col-sm-12 col-xs-12 pt-cv-content-item pt-cv-1-col\" ><div class='pt-cv-ifield'><a href=\"https:\/\/www.dmsjuridica.com\/buscador_20179478954\/corteconstitucionalcronologico202454587\/c-374-09\/\" class=\"_self pt-cv-href-thumbnail pt-cv-thumb-default\" target=\"_self\" ><\/a>\n<div class=\"pt-cv-taxoterm above_title\"><a href='https:\/\/www.dmsjuridica.com\/buscador_20179478954\/corteconstitucionalcronologico202454587\/category\/buscar-en-toda-la-corte\/2009\/sentencias-2009\/' title='Sentencias 2009' class='pt-cv-tax-sentencias-2009'>Sentencias 2009<\/a><\/div>\n<h4 class=\"pt-cv-title\"><a href=\"https:\/\/www.dmsjuridica.com\/buscador_20179478954\/corteconstitucionalcronologico202454587\/c-374-09\/\" class=\"_self\" target=\"_self\" >C-374-09<\/a><\/h4>\n<div class=\"pt-cv-content\">\u00a0 \u00a0 Sentencia C-374-09 \u00a0 Referencia: expediente D-7450. \u00a0 Demanda \u00a0de \u00a0inconstitucionalidad \u00a0contra los \u00a0art\u00edculos \u00a071 \u00a0y \u00a093 de la Ley 1123 de 2007, \u201cPor la \u00a0cual se establece el C\u00f3digo Disciplinario del Abogado\u201d. \u00a0\u00a0 Demandante: \u00a0 \u00a0C\u00e9sar \u00a0 \u00a0Augusto \u00a0 Ospina \u00a0Morales. \u00a0\u00a0 Magistrado Ponente: \u00a0 Dr. Nilson Pinilla Pinilla. \u00a0 Bogot\u00e1, \u00a0D.C., \u00a0mayo veintisiete (27) de dos \u00a0mil nueve (2009).\u00a0\u00a0 \u00a0\u00a0 I. ANTECEDENTES \u00a0 El ciudadano C\u00e9sar Augusto Ospina Morales, en \u00a0ejercicio \u00a0de \u00a0la \u00a0acci\u00f3n p\u00fablica consagrada en los art\u00edculos 40-6 y 242-1 de \u00a0la \u00a0Constituci\u00f3n \u00a0Pol\u00edtica, demand\u00f3 la inconstitucionalidad de los art\u00edculos \u00a071 \u00a0(notificaci\u00f3n \u00a0personal) \u00a0y 93 ...<br \/><div class=\"pt-cv-rmwrap\"><a href=\"https:\/\/www.dmsjuridica.com\/buscador_20179478954\/corteconstitucionalcronologico202454587\/c-374-09\/\" class=\"_self pt-cv-readmore btn btn-success\" target=\"_self\">Ver Sentencia Completa...<\/a><\/div><\/div><\/div><\/div>\n<div class=\"col-md-12 col-sm-12 col-xs-12 pt-cv-content-item pt-cv-1-col\" ><div class='pt-cv-ifield'><a href=\"https:\/\/www.dmsjuridica.com\/buscador_20179478954\/corteconstitucionalcronologico202454587\/c-373-09\/\" class=\"_self pt-cv-href-thumbnail pt-cv-thumb-default\" target=\"_self\" ><\/a>\n<div class=\"pt-cv-taxoterm above_title\"><a href='https:\/\/www.dmsjuridica.com\/buscador_20179478954\/corteconstitucionalcronologico202454587\/category\/buscar-en-toda-la-corte\/2009\/sentencias-2009\/' title='Sentencias 2009' class='pt-cv-tax-sentencias-2009'>Sentencias 2009<\/a><\/div>\n<h4 class=\"pt-cv-title\"><a href=\"https:\/\/www.dmsjuridica.com\/buscador_20179478954\/corteconstitucionalcronologico202454587\/c-373-09\/\" class=\"_self\" target=\"_self\" >C-373-09<\/a><\/h4>\n<div class=\"pt-cv-content\">\u00a0 \u00a0 Sentencia C-373-09 \u00a0 Referencia: expediente D-7261 \u00a0 Demanda de inconstitucionalidad contra la Ley \u00a01133 \u00a0de \u00a02007 \u00a0\u201cpor \u00a0medio \u00a0de \u00a0la \u00a0cual \u00a0se crea e \u00a0implementa el programa Agro Ingreso Seguro AIS\u201d. \u00a0\u00a0 Actor: Ramiro Bejarano Guzm\u00e1n \u00a0 Magistrado Ponente: \u00a0 Dr. \u00a0HUMBERTO \u00a0ANTONIO \u00a0SIERRA PORTO \u00a0\u00a0 I. ANTECEDENTES: \u00a0 En \u00a0 ejercicio \u00a0 de \u00a0la \u00a0acci\u00f3n \u00a0p\u00fablica \u00a0consagrada \u00a0en \u00a0el \u00a0art\u00edculo \u00a0241 \u00a0de \u00a0la Constituci\u00f3n Pol\u00edtica, el ciudadano \u00a0Ramiro \u00a0Bejarano \u00a0Guzm\u00e1n \u00a0solicita \u00a0a \u00a0esta \u00a0Corporaci\u00f3n \u00a0la \u00a0declaratoria \u00a0de \u00a0inconstitucionalidad \u00a0de \u00a0la \u00a0Ley \u00a01133 \u00a0de 2007 \u201cpor \u00a0medio \u00a0de \u00a0la \u00a0cual \u00a0se \u00a0crea \u00a0e \u00a0implementa \u00a0el \u00a0programa \u00a0Agro \u00a0Ingreso ...<br \/><div class=\"pt-cv-rmwrap\"><a href=\"https:\/\/www.dmsjuridica.com\/buscador_20179478954\/corteconstitucionalcronologico202454587\/c-373-09\/\" class=\"_self pt-cv-readmore btn btn-success\" target=\"_self\">Ver Sentencia Completa...<\/a><\/div><\/div><\/div><\/div>\n<div class=\"col-md-12 col-sm-12 col-xs-12 pt-cv-content-item pt-cv-1-col\" ><div class='pt-cv-ifield'><a href=\"https:\/\/www.dmsjuridica.com\/buscador_20179478954\/corteconstitucionalcronologico202454587\/c-372-09\/\" class=\"_self pt-cv-href-thumbnail pt-cv-thumb-default\" target=\"_self\" ><\/a>\n<div class=\"pt-cv-taxoterm above_title\"><a href='https:\/\/www.dmsjuridica.com\/buscador_20179478954\/corteconstitucionalcronologico202454587\/category\/buscar-en-toda-la-corte\/2009\/sentencias-2009\/' title='Sentencias 2009' class='pt-cv-tax-sentencias-2009'>Sentencias 2009<\/a><\/div>\n<h4 class=\"pt-cv-title\"><a href=\"https:\/\/www.dmsjuridica.com\/buscador_20179478954\/corteconstitucionalcronologico202454587\/c-372-09\/\" class=\"_self\" target=\"_self\" >C-372-09<\/a><\/h4>\n<div class=\"pt-cv-content\">\u00a0 \u00a0 Sentencia C-372-09 \u00a0 NORMA \u00a0 QUE \u00a0 AUTORIZA \u00a0 AL \u00a0GOBIERNO \u00a0PARA \u00a0REGLAMENTAR \u00a0LA \u00a0CONDICION \u00a0DE DESPLAZADO-No vulnera la \u00a0Constituci\u00f3n, \u00a0 pues \u00a0 el \u00a0 Legislador \u00a0 no \u00a0se \u00a0desprende \u00a0de \u00a0su \u00a0competencia \u00a0regulatoria\/NORMA \u00a0 QUE \u00a0AUTORIZA \u00a0AL \u00a0GOBIERNO \u00a0PARA \u00a0REGLAMENTAR \u00a0LA \u00a0CONDICION DE DESPLAZADO-Cumple sentido \u00a0y \u00a0finalidad de potestad reglamentaria\/DETERMINACION DE \u00a0CONDICION \u00a0DE \u00a0DESPLAZADO-No \u00a0es \u00a0materia \u00a0sometida \u00a0a \u00a0reserva de ley \u00a0\u00a0 La condici\u00f3n de desplazado, como descripci\u00f3n \u00a0que \u00a0es \u00a0de \u00a0una \u00a0situaci\u00f3n \u00a0de \u00a0hecho, no conlleva una regulaci\u00f3n integral de \u00a0derechos \u00a0fundamentales, \u00a0ni \u00a0de \u00a0sus \u00a0elementos pr\u00f3ximos, aunque evidentemente \u00a0contribuye \u00a0a \u00a0su \u00a0exigibilidad; tampoco implica restricciones ...<br \/><div class=\"pt-cv-rmwrap\"><a href=\"https:\/\/www.dmsjuridica.com\/buscador_20179478954\/corteconstitucionalcronologico202454587\/c-372-09\/\" class=\"_self pt-cv-readmore btn btn-success\" target=\"_self\">Ver Sentencia Completa...<\/a><\/div><\/div><\/div><\/div>\n<div class=\"col-md-12 col-sm-12 col-xs-12 pt-cv-content-item pt-cv-1-col\" ><div class='pt-cv-ifield'><a href=\"https:\/\/www.dmsjuridica.com\/buscador_20179478954\/corteconstitucionalcronologico202454587\/c-355-09\/\" class=\"_self pt-cv-href-thumbnail pt-cv-thumb-default\" target=\"_self\" ><\/a>\n<div class=\"pt-cv-taxoterm above_title\"><a href='https:\/\/www.dmsjuridica.com\/buscador_20179478954\/corteconstitucionalcronologico202454587\/category\/buscar-en-toda-la-corte\/2009\/sentencias-2009\/' title='Sentencias 2009' class='pt-cv-tax-sentencias-2009'>Sentencias 2009<\/a><\/div>\n<h4 class=\"pt-cv-title\"><a href=\"https:\/\/www.dmsjuridica.com\/buscador_20179478954\/corteconstitucionalcronologico202454587\/c-355-09\/\" class=\"_self\" target=\"_self\" >C-355-09<\/a><\/h4>\n<div class=\"pt-cv-content\">\u00a0 \u00a0 Sentencia C-355-09 \u00a0 Referencia: expediente D-7467 \u00a0 Demanda \u00a0de \u00a0inconstitucionalidad \u00a0contra \u00a0el \u00a0par\u00e1grafo 1\u00ba (parcial) del art\u00edculo 29 de la Ley 1152 de 2007. \u00a0\u00a0 Actor: \u00a0 \u00a0Carolina \u00a0 \u00a0Deyanira \u00a0 \u00a0Urrego \u00a0Moreno \u00a0\u00a0 Magistrado Ponente: \u00a0 Dr. JORGE IGNACIO PRETELT CHALJUB \u00a0 Bogot\u00e1 \u00a0D. C.,\u00a0 veinte (20) de mayo de \u00a0dos mil nueve (2009) \u00a0\u00a0 La \u00a0 \u00a0Sala \u00a0 \u00a0Plena \u00a0 \u00a0de \u00a0 \u00a0la \u00a0 \u00a0Corte \u00a0Constitucional, \u00a0conformada por los magistrados Nilson \u00a0Pinilla \u00a0Pinilla \u00a0-quien \u00a0la \u00a0preside-, \u00a0Maria \u00a0Victoria \u00a0Calle Correa, Mauricio \u00a0Gonz\u00e1lez \u00a0Cuervo, \u00a0Juan \u00a0Carlos \u00a0Henao P\u00e9rez, Gabriel Eduardo Mendoza Martelo, \u00a0Jorge \u00a0Iv\u00e1n \u00a0Palacio \u00a0Palacio, \u00a0Jorge ...<br \/><div class=\"pt-cv-rmwrap\"><a href=\"https:\/\/www.dmsjuridica.com\/buscador_20179478954\/corteconstitucionalcronologico202454587\/c-355-09\/\" class=\"_self pt-cv-readmore btn btn-success\" target=\"_self\">Ver Sentencia Completa...<\/a><\/div><\/div><\/div><\/div>\n<div class=\"col-md-12 col-sm-12 col-xs-12 pt-cv-content-item pt-cv-1-col\" ><div class='pt-cv-ifield'><a href=\"https:\/\/www.dmsjuridica.com\/buscador_20179478954\/corteconstitucionalcronologico202454587\/c-354-09\/\" class=\"_self pt-cv-href-thumbnail pt-cv-thumb-default\" target=\"_self\" ><\/a>\n<div class=\"pt-cv-taxoterm above_title\"><a href='https:\/\/www.dmsjuridica.com\/buscador_20179478954\/corteconstitucionalcronologico202454587\/category\/buscar-en-toda-la-corte\/2009\/sentencias-2009\/' title='Sentencias 2009' class='pt-cv-tax-sentencias-2009'>Sentencias 2009<\/a><\/div>\n<h4 class=\"pt-cv-title\"><a href=\"https:\/\/www.dmsjuridica.com\/buscador_20179478954\/corteconstitucionalcronologico202454587\/c-354-09\/\" class=\"_self\" target=\"_self\" >C-354-09<\/a><\/h4>\n<div class=\"pt-cv-content\">\u00a0 \u00a0 Sentencia C-354-09 \u00a0 Referencia: expediente D-7498 \u00a0 Demanda \u00a0de \u00a0inconstitucionalidad \u00a0contra \u00a0el \u00a0numeral 3 del art\u00edculo 41 del Decreto 663 de 1993 \u00a0\u00a0 Demandante: Michael Camargo Rave \u00a0 Magistrado Ponente: \u00a0 Dr. \u00a0 \u00a0 GABRIEL \u00a0 \u00a0 EDUARDO \u00a0 \u00a0MENDOZA \u00a0MARTELO \u00a0\u00a0 Bogot\u00e1 D.C., veinte (20) de mayo de dos mil \u00a0nueve (2009) \u00a0\u00a0 La Sala Plena de la Corte Constitucional, en \u00a0cumplimiento \u00a0de \u00a0sus \u00a0atribuciones \u00a0constitucionales \u00a0y \u00a0de \u00a0los \u00a0requisitos \u00a0y \u00a0tr\u00e1mites \u00a0 establecidos \u00a0 en \u00a0 el \u00a0 Decreto \u00a02067 \u00a0de \u00a01991, \u00a0ha \u00a0proferido \u00a0la \u00a0siguiente \u00a0\u00a0 SENTENCIA \u00a0 I. \u00a0 \u00a0 \u00a0 \u00a0\u00a0 \u00a0ANTECEDENTES \u00a0\u00a0 ...<br \/><div class=\"pt-cv-rmwrap\"><a href=\"https:\/\/www.dmsjuridica.com\/buscador_20179478954\/corteconstitucionalcronologico202454587\/c-354-09\/\" class=\"_self pt-cv-readmore btn btn-success\" target=\"_self\">Ver Sentencia Completa...<\/a><\/div><\/div><\/div><\/div>\n<div class=\"col-md-12 col-sm-12 col-xs-12 pt-cv-content-item pt-cv-1-col\" ><div class='pt-cv-ifield'><a href=\"https:\/\/www.dmsjuridica.com\/buscador_20179478954\/corteconstitucionalcronologico202454587\/c-353-09\/\" class=\"_self pt-cv-href-thumbnail pt-cv-thumb-default\" target=\"_self\" ><\/a>\n<div class=\"pt-cv-taxoterm above_title\"><a href='https:\/\/www.dmsjuridica.com\/buscador_20179478954\/corteconstitucionalcronologico202454587\/category\/buscar-en-toda-la-corte\/2009\/sentencias-2009\/' title='Sentencias 2009' class='pt-cv-tax-sentencias-2009'>Sentencias 2009<\/a><\/div>\n<h4 class=\"pt-cv-title\"><a href=\"https:\/\/www.dmsjuridica.com\/buscador_20179478954\/corteconstitucionalcronologico202454587\/c-353-09\/\" class=\"_self\" target=\"_self\" >C-353-09<\/a><\/h4>\n<div class=\"pt-cv-content\">\u00a0 \u00a0 Sentencia C-353-09 \u00a0 Referencia: expediente D-7518 \u00a0 Demanda \u00a0de \u00a0inconstitucionalidad \u00a0contra \u00a0el \u00a0art\u00edculo \u00a018 \u00a0(parcial) \u00a0de \u00a0la \u00a0Ley 1150 de 2007, por \u00a0medio \u00a0de cual la se introducen medidas para la eficiencia y la transparencia en \u00a0la \u00a0ley \u00a080 \u00a0de \u00a01993 \u00a0y \u00a0se \u00a0dictan \u00a0otras \u00a0disposiciones \u00a0generales \u00a0sobre \u00a0la \u00a0contrataci\u00f3n con recursos p\u00fablicos. \u00a0\u00a0 Actor: \u00a0Sergio \u00a0Eduardo \u00a0Estarita \u00a0Jim\u00e9nez y \u00a0otro \u00a0\u00a0 Magistrado Ponente: \u00a0 Dr. JORGE IV\u00c1N PALACIO PALACIO \u00a0 Bogot\u00e1 \u00a0D. C., veinte (20) de mayo de\u00a0 \u00a0dos mil nueve (2009). \u00a0\u00a0 La Sala Plena de la Corte Constitucional, en \u00a0cumplimiento \u00a0de \u00a0sus \u00a0atribuciones \u00a0constitucionales \u00a0y ...<br \/><div class=\"pt-cv-rmwrap\"><a href=\"https:\/\/www.dmsjuridica.com\/buscador_20179478954\/corteconstitucionalcronologico202454587\/c-353-09\/\" class=\"_self pt-cv-readmore btn btn-success\" target=\"_self\">Ver Sentencia Completa...<\/a><\/div><\/div><\/div><\/div>\n<div class=\"col-md-12 col-sm-12 col-xs-12 pt-cv-content-item pt-cv-1-col\" ><div class='pt-cv-ifield'><a href=\"https:\/\/www.dmsjuridica.com\/buscador_20179478954\/corteconstitucionalcronologico202454587\/c-352-09\/\" class=\"_self pt-cv-href-thumbnail pt-cv-thumb-default\" target=\"_self\" ><\/a>\n<div class=\"pt-cv-taxoterm above_title\"><a href='https:\/\/www.dmsjuridica.com\/buscador_20179478954\/corteconstitucionalcronologico202454587\/category\/buscar-en-toda-la-corte\/2009\/sentencias-2009\/' title='Sentencias 2009' class='pt-cv-tax-sentencias-2009'>Sentencias 2009<\/a><\/div>\n<h4 class=\"pt-cv-title\"><a href=\"https:\/\/www.dmsjuridica.com\/buscador_20179478954\/corteconstitucionalcronologico202454587\/c-352-09\/\" class=\"_self\" target=\"_self\" >C-352-09<\/a><\/h4>\n<div class=\"pt-cv-content\">\u00a0 \u00a0 Sentencia \u00a0C-352-09 \u00a0\u00a0 Referencia: expediente\u00a0 D-7480 \u00a0 \u00a0\u00a0\u00a0\u00a0\u00a0\u00a0\u00a0\u00a0\u00a0\u00a0\u00a0\u00a0\u00a0\u00a0\u00a0\u00a0\u00a0\u00a0\u00a0\u00a0\u00a0\u00a0\u00a0\u00a0\u00a0\u00a0\u00a0\u00a0\u00a0\u00a0\u00a0\u00a0\u00a0\u00a0\u00a0\u00a0\u00a0\u00a0\u00a0\u00a0\u00a0\u00a0\u00a0\u00a0\u00a0\u00a0\u00a0\u00a0\u00a0\u00a0\u00a0\u00a0\u00a0\u00a0\u00a0\u00a0\u00a0\u00a0\u00a0\u00a0\u00a0\u00a0\u00a0\u00a0\u00a0\u00a0\u00a0\u00a0\u00a0\u00a0\u00a0\u00a0\u00a0\u00a0\u00a0\u00a0\u00a0\u00a0\u00a0\u00a0\u00a0\u00a0\u00a0\u00a0\u00a0\u00a0\u00a0\u00a0\u00a0\u00a0\u00a0\u00a0\u00a0\u00a0\u00a0\u00a0\u00a0\u00a0\u00a0\u00a0\u00a0\u00a0\u00a0\u00a0\u00a0\u00a0\u00a0\u00a0\u00a0\u00a0\u00a0\u00a0\u00a0\u00a0\u00a0\u00a0\u00a0\u00a0\u00a0\u00a0\u00a0\u00a0\u00a0\u00a0\u00a0\u00a0\u00a0\u00a0\u00a0\u00a0\u00a0\u00a0\u00a0\u00a0\u00a0\u00a0\u00a0\u00a0\u00a0\u00a0\u00a0\u00a0\u00a0\u00a0\u00a0\u00a0\u00a0\u00a0\u00a0\u00a0\u00a0\u00a0\u00a0\u00a0 \u00a0\u00a0 Demanda \u00a0de \u00a0inconstitucionalidad \u00a0contra \u00a0el \u00a0art\u00edculo \u00a02\u00ba, \u00a0parcial, \u00a0de la Ley 232 de 1995 \u201cPor \u00a0medio \u00a0 de \u00a0 la \u00a0 cual \u00a0 se \u00a0 dictan \u00a0 normas \u00a0para \u00a0el \u00a0funcionamiento \u00a0de \u00a0los \u00a0establecimientos comerciales\u201d. \u00a0\u00a0 Actor: \u00a0 Juan \u00a0 Pablo \u00a0 Cardona \u00a0Gonz\u00e1lez. \u00a0\u00a0 Magistrado Ponente: \u00a0 Dr. LU\u00cdS ERNESTO VARGAS SILVA \u00a0 Bogot\u00e1, \u00a0 D.C.,\u00a0 \u00a0veinte \u00a0(20)\u00a0 \u00a0de\u00a0\u00a0 mayo de dos mil nueve\u00a0 (2009). \u00a0\u00a0 La Sala Plena de la Corte Constitucional, en \u00a0ejercicio \u00a0de \u00a0sus \u00a0atribuciones \u00a0constitucionales \u00a0y \u00a0legales, \u00a0en especial las \u00a0previstas \u00a0en \u00a0el \u00a0art\u00edculo ...<br \/><div class=\"pt-cv-rmwrap\"><a href=\"https:\/\/www.dmsjuridica.com\/buscador_20179478954\/corteconstitucionalcronologico202454587\/c-352-09\/\" class=\"_self pt-cv-readmore btn btn-success\" target=\"_self\">Ver Sentencia Completa...<\/a><\/div><\/div><\/div><\/div>\n<div class=\"col-md-12 col-sm-12 col-xs-12 pt-cv-content-item pt-cv-1-col\" ><div class='pt-cv-ifield'><a href=\"https:\/\/www.dmsjuridica.com\/buscador_20179478954\/corteconstitucionalcronologico202454587\/c-351-09\/\" class=\"_self pt-cv-href-thumbnail pt-cv-thumb-default\" target=\"_self\" ><\/a>\n<div class=\"pt-cv-taxoterm above_title\"><a href='https:\/\/www.dmsjuridica.com\/buscador_20179478954\/corteconstitucionalcronologico202454587\/category\/buscar-en-toda-la-corte\/2009\/sentencias-2009\/' title='Sentencias 2009' class='pt-cv-tax-sentencias-2009'>Sentencias 2009<\/a><\/div>\n<h4 class=\"pt-cv-title\"><a href=\"https:\/\/www.dmsjuridica.com\/buscador_20179478954\/corteconstitucionalcronologico202454587\/c-351-09\/\" class=\"_self\" target=\"_self\" >C-351-09<\/a><\/h4>\n<div class=\"pt-cv-content\">\u00a0 \u00a0 SENTENCIA C-351-09 \u00a0 (Mayo 20, Bogot\u00e1 DC) \u00a0 DEMANDA \u00a0DE INCONSTITUCIONALIDAD CONTRA NORMA \u00a0DEROGADA-Inviabilidad \u00a0prima \u00a0facie \u00a0de \u00a0an\u00e1lisis \u00a0de \u00a0exequibilidad\/ACCION \u00a0 \u00a0 \u00a0 \u00a0 PUBLICA \u00a0 \u00a0 \u00a0 \u00a0 DE \u00a0INCONSTITUCIONALIDAD-Car\u00e1cter \u00a0 rogado\/PRINCIPIO \u00a0 \u00a0 \u00a0 \u00a0PRO \u00a0 \u00a0 \u00a0 \u00a0ACTIONE \u00a0 \u00a0 \u00a0 \u00a0EN \u00a0 \u00a0 \u00a0 DEMANDA \u00a0 \u00a0 \u00a0 DE \u00a0INCONSTITUCIONALIDAD-Aplicaci\u00f3n \u00a0en \u00a0demanda \u00a0contra \u00a0norma derogada \u00a0\u00a0 En raz\u00f3n de que los accionantes dirigieron su \u00a0demanda \u00a0en contra de algunas de las expresiones del par\u00e1grafo del art\u00edculo 15 \u00a0de \u00a0la \u00a0Ley \u00a0388 \u00a0de 1997, que no se encuentra vigente, pues dicho art\u00edculo fue \u00a0modificado \u00a0por ...<br \/><div class=\"pt-cv-rmwrap\"><a href=\"https:\/\/www.dmsjuridica.com\/buscador_20179478954\/corteconstitucionalcronologico202454587\/c-351-09\/\" class=\"_self pt-cv-readmore btn btn-success\" target=\"_self\">Ver Sentencia Completa...<\/a><\/div><\/div><\/div><\/div>\n<div class=\"col-md-12 col-sm-12 col-xs-12 pt-cv-content-item pt-cv-1-col\" ><div class='pt-cv-ifield'><a href=\"https:\/\/www.dmsjuridica.com\/buscador_20179478954\/corteconstitucionalcronologico202454587\/c-350-09\/\" class=\"_self pt-cv-href-thumbnail pt-cv-thumb-default\" target=\"_self\" ><\/a>\n<div class=\"pt-cv-taxoterm above_title\"><a href='https:\/\/www.dmsjuridica.com\/buscador_20179478954\/corteconstitucionalcronologico202454587\/category\/buscar-en-toda-la-corte\/2009\/sentencias-2009\/' title='Sentencias 2009' class='pt-cv-tax-sentencias-2009'>Sentencias 2009<\/a><\/div>\n<h4 class=\"pt-cv-title\"><a href=\"https:\/\/www.dmsjuridica.com\/buscador_20179478954\/corteconstitucionalcronologico202454587\/c-350-09\/\" class=\"_self\" target=\"_self\" >C-350-09<\/a><\/h4>\n<div class=\"pt-cv-content\">\u00a0 \u00a0 Sentencia C-350-09 \u00a0 Referencia: expediente D-7394 \u00a0 Demandante: \u00a0 \u00a0 David \u00a0 \u00a0 Alonso \u00a0 \u00a0Roa \u00a0Salguero \u00a0\u00a0 Demanda \u00a0de \u00a0inconstitucionalidad \u00a0contra \u00a0el \u00a0numeral 9 del art\u00edculo 35 de la Ley 734 de 2002. \u00a0\u00a0 Magistrada Ponente: \u00a0 Dra. MAR\u00cdA VICTORIA CALLE CORREA \u00a0 Bogot\u00e1, D.C., veinte (20) de Mayo de dos mil \u00a0nueve (2009) \u00a0\u00a0 La Sala Plena de la Corte Constitucional, en \u00a0cumplimiento \u00a0de \u00a0sus atribuciones constitucionales y de los requisitos y de los \u00a0tr\u00e1mites \u00a0establecidos \u00a0en \u00a0el Decreto 2067 de 1991, ha proferido la siguiente, \u00a0\u00a0 SENTENCIA \u00a0\u00a0 I. ANTECEDENTES \u00a0 En \u00a0 ejercicio \u00a0 ...<br \/><div class=\"pt-cv-rmwrap\"><a href=\"https:\/\/www.dmsjuridica.com\/buscador_20179478954\/corteconstitucionalcronologico202454587\/c-350-09\/\" class=\"_self pt-cv-readmore btn btn-success\" target=\"_self\">Ver Sentencia Completa...<\/a><\/div><\/div><\/div><\/div>\n<div class=\"col-md-12 col-sm-12 col-xs-12 pt-cv-content-item pt-cv-1-col\" ><div class='pt-cv-ifield'><a href=\"https:\/\/www.dmsjuridica.com\/buscador_20179478954\/corteconstitucionalcronologico202454587\/c-349-09\/\" class=\"_self pt-cv-href-thumbnail pt-cv-thumb-default\" target=\"_self\" ><\/a>\n<div class=\"pt-cv-taxoterm above_title\"><a href='https:\/\/www.dmsjuridica.com\/buscador_20179478954\/corteconstitucionalcronologico202454587\/category\/buscar-en-toda-la-corte\/2009\/sentencias-2009\/' title='Sentencias 2009' class='pt-cv-tax-sentencias-2009'>Sentencias 2009<\/a><\/div>\n<h4 class=\"pt-cv-title\"><a href=\"https:\/\/www.dmsjuridica.com\/buscador_20179478954\/corteconstitucionalcronologico202454587\/c-349-09\/\" class=\"_self\" target=\"_self\" >C-349-09<\/a><\/h4>\n<div class=\"pt-cv-content\">\u00a0 \u00a0 Sentencia \u00a0 C-349-09 \u00a0 \u00a0\u00a0 Referencia: expediente D- \u00a07474 \u00a0\u00a0 Demanda \u00a0de \u00a0inconstitucionalidad \u00a0contra \u00a0el \u00a0par\u00e1grafo \u00a0 2\u00b0 \u00a0del \u00a0art\u00edculo \u00a01\u00b0 \u00a0de \u00a0la \u00a0Ley \u00a01210 \u00a0de \u00a02008 \u00a0\u201cPor \u00a0la cual se modifican parcialmente los art\u00edculos 448 numeral \u00a04\u00b0 \u00a0y 451 del C\u00f3digo Sustantivo del Trabajo y de la Seguridad Social y se crea \u00a0el \u00a0art\u00edculo \u00a0129A \u00a0del C\u00f3digo Procesal del Trabajo y de la Seguridad Social y \u00a0se dictan otras disposiciones.\u201d \u00a0\u00a0 Actores: \u00a0Jennifer \u00a0Vivian \u00a0Alfonso Rubiano y \u00a0otros. \u00a0\u00a0 Magistrado Ponente: \u00a0 Dr. LU\u00cdS ERNESTO VARGAS SILVA \u00a0 Bogot\u00e1 \u00a0DC., veinte (20) de mayo de dos mil ...<br \/><div class=\"pt-cv-rmwrap\"><a href=\"https:\/\/www.dmsjuridica.com\/buscador_20179478954\/corteconstitucionalcronologico202454587\/c-349-09\/\" class=\"_self pt-cv-readmore btn btn-success\" target=\"_self\">Ver Sentencia Completa...<\/a><\/div><\/div><\/div><\/div>\n<div class=\"col-md-12 col-sm-12 col-xs-12 pt-cv-content-item pt-cv-1-col\" ><div class='pt-cv-ifield'><a href=\"https:\/\/www.dmsjuridica.com\/buscador_20179478954\/corteconstitucionalcronologico202454587\/c-325-09\/\" class=\"_self pt-cv-href-thumbnail pt-cv-thumb-default\" target=\"_self\" ><\/a>\n<div class=\"pt-cv-taxoterm above_title\"><a href='https:\/\/www.dmsjuridica.com\/buscador_20179478954\/corteconstitucionalcronologico202454587\/category\/buscar-en-toda-la-corte\/2009\/sentencias-2009\/' title='Sentencias 2009' class='pt-cv-tax-sentencias-2009'>Sentencias 2009<\/a><\/div>\n<h4 class=\"pt-cv-title\"><a href=\"https:\/\/www.dmsjuridica.com\/buscador_20179478954\/corteconstitucionalcronologico202454587\/c-325-09\/\" class=\"_self\" target=\"_self\" >C-325-09<\/a><\/h4>\n<div class=\"pt-cv-content\">\u00a0 \u00a0 Sentencia C-325-09 \u00a0 -Sala Plena- \u00a0 Referencia: \u00a0expediente D-7458 \u00a0\u00a0 Asunto: \u00a0Demanda de \u00a0inconstitucionalidad \u00a0contra \u00a0el \u00a0numeral 5 (parcial) del art\u00edculo 33 de la Ley \u00a0617 \u00a0de 2000, \u201cPor la cual se reforma parcialmente la \u00a0Ley \u00a0136 \u00a0de \u00a01994, \u00a0el \u00a0Decreto Extraordinario 1222 de 1986, se adiciona la ley \u00a0org\u00e1nica \u00a0de \u00a0presupuesto, \u00a0el \u00a0Decreto \u00a01421 \u00a0de \u00a01993, se dictan otras normas \u00a0tendientes \u00a0a \u00a0fortalecer \u00a0la \u00a0descentralizaci\u00f3n, \u00a0y \u00a0se \u00a0dictan normas para la \u00a0racionalizaci\u00f3n del gasto p\u00fablico nacional\u201d. \u00a0\u00a0 Demandante: \u00a0 Rafael Robles Solano \u00a0 Magistrado Ponente: \u00a0 Dr. \u00a0 \u00a0 GABRIEL \u00a0 \u00a0 EDUARDO \u00a0 \u00a0MENDOZA \u00a0MARTELO \u00a0\u00a0 ...<br \/><div class=\"pt-cv-rmwrap\"><a href=\"https:\/\/www.dmsjuridica.com\/buscador_20179478954\/corteconstitucionalcronologico202454587\/c-325-09\/\" class=\"_self pt-cv-readmore btn btn-success\" target=\"_self\">Ver Sentencia Completa...<\/a><\/div><\/div><\/div><\/div>\n<div class=\"col-md-12 col-sm-12 col-xs-12 pt-cv-content-item pt-cv-1-col\" ><div class='pt-cv-ifield'><a href=\"https:\/\/www.dmsjuridica.com\/buscador_20179478954\/corteconstitucionalcronologico202454587\/c-324-09\/\" class=\"_self pt-cv-href-thumbnail pt-cv-thumb-default\" target=\"_self\" ><\/a>\n<div class=\"pt-cv-taxoterm above_title\"><a href='https:\/\/www.dmsjuridica.com\/buscador_20179478954\/corteconstitucionalcronologico202454587\/category\/buscar-en-toda-la-corte\/2009\/sentencias-2009\/' title='Sentencias 2009' class='pt-cv-tax-sentencias-2009'>Sentencias 2009<\/a><\/div>\n<h4 class=\"pt-cv-title\"><a href=\"https:\/\/www.dmsjuridica.com\/buscador_20179478954\/corteconstitucionalcronologico202454587\/c-324-09\/\" class=\"_self\" target=\"_self\" >C-324-09<\/a><\/h4>\n<div class=\"pt-cv-content\">\u00a0 \u00a0 Sentencia C-324-09 \u00a0 Referencia: expediente D-7442 \u00a0 Demanda \u00a0de \u00a0inconstitucionalidad \u00a0contra \u00a0el \u00a0art\u00edculo 1\u00ba (parcial) de la Ley 36 de 1981 \u00a0\u00a0 Demandante: \u00a0 Alexander \u00a0 Duque \u00a0 Acevedo \u00a0\u00a0 Magistrado Ponente: \u00a0 Dr. JUAN CARLOS HENAO P\u00c9REZ \u00a0 Bogot\u00e1, \u00a0D. \u00a0C., \u00a0trece \u00a0(13) \u00a0de \u00a0mayo \u00a0de dos mil nueve \u00a0(2009) \u00a0\u00a0 La \u00a0Sala Plena de la Corte Constitucional, en \u00a0cumplimiento \u00a0de \u00a0sus \u00a0atribuciones \u00a0constitucionales \u00a0y \u00a0de \u00a0los \u00a0requisitos \u00a0y \u00a0tr\u00e1mites \u00a0 establecidos \u00a0 en \u00a0 el \u00a0 Decreto \u00a0 2067 \u00a0 de \u00a0 1991, \u00a0 profiere \u00a0 la \u00a0siguiente \u00a0\u00a0 I. \u00a0\u00a0 \u00a0\u00a0 \u00a0\u00a0 \u00a0ANTECEDENTES. \u00a0\u00a0 \u00a0 ...<br \/><div class=\"pt-cv-rmwrap\"><a href=\"https:\/\/www.dmsjuridica.com\/buscador_20179478954\/corteconstitucionalcronologico202454587\/c-324-09\/\" class=\"_self pt-cv-readmore btn btn-success\" target=\"_self\">Ver Sentencia Completa...<\/a><\/div><\/div><\/div><\/div>\n<div class=\"col-md-12 col-sm-12 col-xs-12 pt-cv-content-item pt-cv-1-col\" ><div class='pt-cv-ifield'><a href=\"https:\/\/www.dmsjuridica.com\/buscador_20179478954\/corteconstitucionalcronologico202454587\/c-323-09\/\" class=\"_self pt-cv-href-thumbnail pt-cv-thumb-default\" target=\"_self\" ><\/a>\n<div class=\"pt-cv-taxoterm above_title\"><a href='https:\/\/www.dmsjuridica.com\/buscador_20179478954\/corteconstitucionalcronologico202454587\/category\/buscar-en-toda-la-corte\/2009\/sentencias-2009\/' title='Sentencias 2009' class='pt-cv-tax-sentencias-2009'>Sentencias 2009<\/a><\/div>\n<h4 class=\"pt-cv-title\"><a href=\"https:\/\/www.dmsjuridica.com\/buscador_20179478954\/corteconstitucionalcronologico202454587\/c-323-09\/\" class=\"_self\" target=\"_self\" >C-323-09<\/a><\/h4>\n<div class=\"pt-cv-content\">\u00a0 \u00a0 Sentencia C-323-09 \u00a0 Referencia: expediente OP-121 \u00a0 Objeciones \u00a0presidenciales al proyecto de ley \u00a0164\/06 \u00a0C\u00e1mara, 074\/07 Senado, \u201cPor medio de la cual \u00a0la \u00a0Naci\u00f3n se asocia a la celebraci\u00f3n de los treinta (30) a\u00f1os de actividades \u00a0acad\u00e9micas \u00a0 de \u00a0 la \u00a0 Universidad \u00a0 Popular \u00a0 del \u00a0Cesar \u00a0y \u00a0se \u00a0dictan \u00a0otras \u00a0disposiciones\u201d. \u00a0\u00a0 Magistrado Ponente: \u00a0 Dr. JORGE IV\u00c1N PALACIO PALACIO \u00a0 Bogot\u00e1, \u00a0D.C., \u00a0trece \u00a0(13) \u00a0de \u00a0mayo \u00a0de \u00a0dos \u00a0mil nueve \u00a0(2009). \u00a0\u00a0 La Sala Plena de la Corte Constitucional, en \u00a0ejercicio \u00a0de \u00a0sus \u00a0atribuciones \u00a0constitucionales \u00a0y \u00a0legales, \u00a0en especial las \u00a0previstas \u00a0en \u00a0los \u00a0art\u00edculos \u00a0167 ...<br \/><div class=\"pt-cv-rmwrap\"><a href=\"https:\/\/www.dmsjuridica.com\/buscador_20179478954\/corteconstitucionalcronologico202454587\/c-323-09\/\" class=\"_self pt-cv-readmore btn btn-success\" target=\"_self\">Ver Sentencia Completa...<\/a><\/div><\/div><\/div><\/div>\n<div class=\"col-md-12 col-sm-12 col-xs-12 pt-cv-content-item pt-cv-1-col\" ><div class='pt-cv-ifield'><a href=\"https:\/\/www.dmsjuridica.com\/buscador_20179478954\/corteconstitucionalcronologico202454587\/c-321-09\/\" class=\"_self pt-cv-href-thumbnail pt-cv-thumb-default\" target=\"_self\" ><\/a>\n<div class=\"pt-cv-taxoterm above_title\"><a href='https:\/\/www.dmsjuridica.com\/buscador_20179478954\/corteconstitucionalcronologico202454587\/category\/buscar-en-toda-la-corte\/2009\/sentencias-2009\/' title='Sentencias 2009' class='pt-cv-tax-sentencias-2009'>Sentencias 2009<\/a><\/div>\n<h4 class=\"pt-cv-title\"><a href=\"https:\/\/www.dmsjuridica.com\/buscador_20179478954\/corteconstitucionalcronologico202454587\/c-321-09\/\" class=\"_self\" target=\"_self\" >C-321-09<\/a><\/h4>\n<div class=\"pt-cv-content\">\u00a0 \u00a0 Sentencia C-321-09 \u00a0 Referencia: expediente OP-120 \u00a0 Objeciones \u00a0Presidenciales al proyecto de Ley \u00a0No. \u00a0012 de 2006 C\u00e1mara, 087 de 2007 Senado, \u201cPor la \u00a0cual \u00a0se \u00a0reforma la Ley 769 de 2002 (C\u00f3digo Nacional de Tr\u00e1nsito) y se dictan \u00a0otras disposiciones\u201d. \u00a0\u00a0 Magistrado Ponente: \u00a0 Dr. HUMBERTO ANTONIO SIERRA \u00a0PORTO \u00a0\u00a0 Bogot\u00e1, \u00a0D.C., \u00a0once (11) de mayo de dos mil \u00a0nueve (2009). \u00a0\u00a0 La \u00a0Sala Plena de la Corte Constitucional, en \u00a0cumplimiento \u00a0de \u00a0sus \u00a0atribuciones \u00a0constitucionales \u00a0y \u00a0de \u00a0los \u00a0requisitos \u00a0y \u00a0tr\u00e1mite \u00a0 establecidos \u00a0 en \u00a0 el \u00a0 decreto \u00a0 2067 \u00a0de \u00a01991, \u00a0ha \u00a0proferido \u00a0la \u00a0siguiente ...<br \/><div class=\"pt-cv-rmwrap\"><a href=\"https:\/\/www.dmsjuridica.com\/buscador_20179478954\/corteconstitucionalcronologico202454587\/c-321-09\/\" class=\"_self pt-cv-readmore btn btn-success\" target=\"_self\">Ver Sentencia Completa...<\/a><\/div><\/div><\/div><\/div>\n<div class=\"col-md-12 col-sm-12 col-xs-12 pt-cv-content-item pt-cv-1-col\" ><div class='pt-cv-ifield'><a href=\"https:\/\/www.dmsjuridica.com\/buscador_20179478954\/corteconstitucionalcronologico202454587\/c-315-09\/\" class=\"_self pt-cv-href-thumbnail pt-cv-thumb-default\" target=\"_self\" ><\/a>\n<div class=\"pt-cv-taxoterm above_title\"><a href='https:\/\/www.dmsjuridica.com\/buscador_20179478954\/corteconstitucionalcronologico202454587\/category\/buscar-en-toda-la-corte\/2009\/sentencias-2009\/' title='Sentencias 2009' class='pt-cv-tax-sentencias-2009'>Sentencias 2009<\/a><\/div>\n<h4 class=\"pt-cv-title\"><a href=\"https:\/\/www.dmsjuridica.com\/buscador_20179478954\/corteconstitucionalcronologico202454587\/c-315-09\/\" class=\"_self\" target=\"_self\" >C-315-09<\/a><\/h4>\n<div class=\"pt-cv-content\">\u00a0 \u00a0 Sentencia C-315-09 \u00a0 Referencia: expediente D-7350 \u00a0 Actores: Ciro Antonio Rojas Agudelo y Orlando \u00a0Neusa Forero. \u00a0\u00a0 Demanda \u00a0de \u00a0inconstitucionalidad \u00a0contra \u00a0el \u00a0par\u00e1grafo 1\u00b0 (parcial) del art\u00edculo 5\u00b0, Ley 797 de 2003. \u00a0\u00a0 Magistrada Ponente: \u00a0 Dra. MAR\u00cdA VICTORIA CALLE CORREA \u00a0 Bogot\u00e1, \u00a0D.C., \u00a0cinco \u00a0(5) \u00a0de \u00a0mayo \u00a0de \u00a0dos \u00a0mil \u00a0nueve \u00a0(2009). \u00a0\u00a0 La \u00a0Sala Plena de la Corte Constitucional, en cumplimiento \u00a0de \u00a0 sus \u00a0 atribuciones \u00a0 constitucionales \u00a0y \u00a0de \u00a0los \u00a0requisitos \u00a0y \u00a0tr\u00e1mites \u00a0establecidos en el Decreto 2067 de 1991, ha proferido la siguiente: \u00a0\u00a0 SENTENCIA \u00a0 \u00a0 \u00a0 \u00a0 I. ANTECEDENTES \u00a0 \u00a0\u00a0 En ...<br \/><div class=\"pt-cv-rmwrap\"><a href=\"https:\/\/www.dmsjuridica.com\/buscador_20179478954\/corteconstitucionalcronologico202454587\/c-315-09\/\" class=\"_self pt-cv-readmore btn btn-success\" target=\"_self\">Ver Sentencia Completa...<\/a><\/div><\/div><\/div><\/div>\n<div class=\"col-md-12 col-sm-12 col-xs-12 pt-cv-content-item pt-cv-1-col\" ><div class='pt-cv-ifield'><a href=\"https:\/\/www.dmsjuridica.com\/buscador_20179478954\/corteconstitucionalcronologico202454587\/c-314-09\/\" class=\"_self pt-cv-href-thumbnail pt-cv-thumb-default\" target=\"_self\" ><\/a>\n<div class=\"pt-cv-taxoterm above_title\"><a href='https:\/\/www.dmsjuridica.com\/buscador_20179478954\/corteconstitucionalcronologico202454587\/category\/buscar-en-toda-la-corte\/2009\/sentencias-2009\/' title='Sentencias 2009' class='pt-cv-tax-sentencias-2009'>Sentencias 2009<\/a><\/div>\n<h4 class=\"pt-cv-title\"><a href=\"https:\/\/www.dmsjuridica.com\/buscador_20179478954\/corteconstitucionalcronologico202454587\/c-314-09\/\" class=\"_self\" target=\"_self\" >C-314-09<\/a><\/h4>\n<div class=\"pt-cv-content\">\u00a0 \u00a0 Sentencia \u00a0C-314-09 \u00a0\u00a0 Referencia: expediente D-7443 \u00a0 Demanda \u00a0de \u00a0inconstitucionalidad \u00a0contra \u00a0el \u00a0art\u00edculo \u00a024 \u00a0(parcial) \u00a0de la Ley 795 de 2003, \u201cPor \u00a0la \u00a0cual se ajustan algunas normas del Estatuto Org\u00e1nico del Sistema Financiero \u00a0y se dictan otras disposiciones\u201d. \u00a0\u00a0 Actor: \u00a0 \u00a0 Jorge \u00a0 \u00a0 Mario \u00a0 \u00a0Gonz\u00e1lez \u00a0Rodr\u00edguez. \u00a0\u00a0 Magistrado Ponente: \u00a0 Dr. \u00a0Nilson Pinilla \u00a0Pinilla \u00a0\u00a0 Bogot\u00e1, \u00a0D. \u00a0C.,\u00a0 cinco (5) de mayo de \u00a0dos mil nueve (2009). \u00a0\u00a0 La Sala Plena de la Corte Constitucional, en \u00a0cumplimiento \u00a0de \u00a0sus \u00a0atribuciones \u00a0constitucionales \u00a0y \u00a0de \u00a0los \u00a0requisitos \u00a0y \u00a0tr\u00e1mite \u00a0 establecidos \u00a0 en \u00a0 el \u00a0 ...<br \/><div class=\"pt-cv-rmwrap\"><a href=\"https:\/\/www.dmsjuridica.com\/buscador_20179478954\/corteconstitucionalcronologico202454587\/c-314-09\/\" class=\"_self pt-cv-readmore btn btn-success\" target=\"_self\">Ver Sentencia Completa...<\/a><\/div><\/div><\/div><\/div>\n<div class=\"col-md-12 col-sm-12 col-xs-12 pt-cv-content-item pt-cv-1-col\" ><div class='pt-cv-ifield'><a href=\"https:\/\/www.dmsjuridica.com\/buscador_20179478954\/corteconstitucionalcronologico202454587\/c-313-09\/\" class=\"_self pt-cv-href-thumbnail pt-cv-thumb-default\" target=\"_self\" ><\/a>\n<div class=\"pt-cv-taxoterm above_title\"><a href='https:\/\/www.dmsjuridica.com\/buscador_20179478954\/corteconstitucionalcronologico202454587\/category\/buscar-en-toda-la-corte\/2009\/sentencias-2009\/' title='Sentencias 2009' class='pt-cv-tax-sentencias-2009'>Sentencias 2009<\/a><\/div>\n<h4 class=\"pt-cv-title\"><a href=\"https:\/\/www.dmsjuridica.com\/buscador_20179478954\/corteconstitucionalcronologico202454587\/c-313-09\/\" class=\"_self\" target=\"_self\" >C-313-09<\/a><\/h4>\n<div class=\"pt-cv-content\">\u00a0 \u00a0 Sentencia C-313-09 \u00a0 (Mayo 5; Bogot\u00e1 DC) \u00a0 Referencia: \u00a0Expediente D-7424. \u00a0\u00a0 Actor:\u00a0 Raymundo \u00a0Marenco Boekhoudt. \u00a0\u00a0 Demanda de inconstitucionalidad: contra \u00a0el \u00a0art\u00edculo 19 (parcial)\u00a0 de la Ley 617 de 2000., por \u00a0vulneraci\u00f3n \u00a0de \u00a0los \u00a0art\u00edculos \u00a04\u00ba, \u00a013, \u00a0150 \u00a0numerales 1\u00ba y 4\u00ba, 155, 300 \u00a0numeral 6\u00ba, 326, 374 y 375 de la Constituci\u00f3n Pol\u00edtica. \u00a0\u00a0 Magistrado \u00a0Ponente: \u00a0Mauricio \u00a0 \u00a0 \u00a0 Gonz\u00e1lez \u00a0 \u00a0 \u00a0 Cuervo. \u00a0\u00a0 I. ANTECEDENTES. \u00a0 1. Norma demandada. \u00a0 En \u00a0ejercicio \u00a0de \u00a0la \u00a0acci\u00f3n \u00a0p\u00fablica \u00a0de \u00a0inconstitucionalidad, \u00a0 el \u00a0 ciudadano \u00a0 Raymundo \u00a0 Marenco \u00a0Boekhoudt \u00a0demand\u00f3 \u00a0las \u00a0 expresiones \u00a0 \u201cy ...<br \/><div class=\"pt-cv-rmwrap\"><a href=\"https:\/\/www.dmsjuridica.com\/buscador_20179478954\/corteconstitucionalcronologico202454587\/c-313-09\/\" class=\"_self pt-cv-readmore btn btn-success\" target=\"_self\">Ver Sentencia Completa...<\/a><\/div><\/div><\/div><\/div>\n<div class=\"col-md-12 col-sm-12 col-xs-12 pt-cv-content-item pt-cv-1-col\" ><div class='pt-cv-ifield'><a href=\"https:\/\/www.dmsjuridica.com\/buscador_20179478954\/corteconstitucionalcronologico202454587\/c-309-09\/\" class=\"_self pt-cv-href-thumbnail pt-cv-thumb-default\" target=\"_self\" ><\/a>\n<div class=\"pt-cv-taxoterm above_title\"><a href='https:\/\/www.dmsjuridica.com\/buscador_20179478954\/corteconstitucionalcronologico202454587\/category\/buscar-en-toda-la-corte\/2009\/sentencias-2009\/' title='Sentencias 2009' class='pt-cv-tax-sentencias-2009'>Sentencias 2009<\/a><\/div>\n<h4 class=\"pt-cv-title\"><a href=\"https:\/\/www.dmsjuridica.com\/buscador_20179478954\/corteconstitucionalcronologico202454587\/c-309-09\/\" class=\"_self\" target=\"_self\" >C-309-09<\/a><\/h4>\n<div class=\"pt-cv-content\">\u00a0 \u00a0 Sentencia \u00a0C-309-09 \u00a0\u00a0 Referencia: expediente D-7454 \u00a0 Asunto: \u00a0Demanda \u00a0de \u00a0inconstitucionalidad en \u00a0contra \u00a0de \u00a0los \u00a0art\u00edculos 340, inciso 2 (parcial), y 345 de la Ley 599 de 2000 \u00a0(parcial), \u00a0 \u201cPor \u00a0la \u00a0cual \u00a0se \u00a0expide \u00a0el \u00a0C\u00f3digo \u00a0Penal\u201d, \u00a0 respectivamente \u00a0 modificados \u00a0 por \u00a0 los \u00a0art\u00edculos 19 y 16 de la Ley 1121 de 2006. \u00a0\u00a0 Demandante: \u00a0 \u00a0N\u00e9stor \u00a0 \u00a0Iv\u00e1n \u00a0 \u00a0Osuna \u00a0Pati\u00f1o \u00a0\u00a0 Magistrado Ponente: \u00a0 Dr. \u00a0 \u00a0 GABRIEL \u00a0 \u00a0 EDUARDO \u00a0 \u00a0MENDOZA \u00a0MARTELO \u00a0\u00a0 La Sala Plena de la Corte Constitucional, en \u00a0cumplimiento \u00a0de \u00a0sus \u00a0atribuciones \u00a0constitucionales \u00a0y \u00a0de \u00a0los \u00a0requisitos \u00a0y ...<br \/><div class=\"pt-cv-rmwrap\"><a href=\"https:\/\/www.dmsjuridica.com\/buscador_20179478954\/corteconstitucionalcronologico202454587\/c-309-09\/\" class=\"_self pt-cv-readmore btn btn-success\" target=\"_self\">Ver Sentencia Completa...<\/a><\/div><\/div><\/div><\/div>\n<div class=\"col-md-12 col-sm-12 col-xs-12 pt-cv-content-item pt-cv-1-col\" ><div class='pt-cv-ifield'><a href=\"https:\/\/www.dmsjuridica.com\/buscador_20179478954\/corteconstitucionalcronologico202454587\/c-308-09\/\" class=\"_self pt-cv-href-thumbnail pt-cv-thumb-default\" target=\"_self\" ><\/a>\n<div class=\"pt-cv-taxoterm above_title\"><a href='https:\/\/www.dmsjuridica.com\/buscador_20179478954\/corteconstitucionalcronologico202454587\/category\/buscar-en-toda-la-corte\/2009\/sentencias-2009\/' title='Sentencias 2009' class='pt-cv-tax-sentencias-2009'>Sentencias 2009<\/a><\/div>\n<h4 class=\"pt-cv-title\"><a href=\"https:\/\/www.dmsjuridica.com\/buscador_20179478954\/corteconstitucionalcronologico202454587\/c-308-09\/\" class=\"_self\" target=\"_self\" >C-308-09<\/a><\/h4>\n<div class=\"pt-cv-content\">\u00a0 \u00a0 Sentencia C-308-09 \u00a0 Referencia: expediente D-7438 \u00a0 Asunto: Demanda de inconstitucionalidad contra \u00a0el \u00a0 art\u00edculo \u00a0 44 \u00a0 (parcial) \u00a0 de \u00a0 la \u00a0 Ley \u00a0 1015 \u00a0 de \u00a02006, \u00a0\u201cPor \u00a0medio \u00a0de \u00a0la \u00a0cual \u00a0se \u00a0expide el \u00a0R\u00e9gimen Disciplinario para la Polic\u00eda Nacional\u201d. \u00a0\u00a0 Demandante: Rodrigo Mart\u00ednez Silva \u00a0 Magistrado Ponente: \u00a0 Dr. \u00a0 \u00a0 GABRIEL \u00a0 \u00a0 EDUARDO \u00a0 \u00a0MENDOZA \u00a0MARTELO \u00a0\u00a0 Bogot\u00e1 \u00a0D.C., \u00a0veintinueve (29) de abril de \u00a0dos mil nueve (2009) \u00a0\u00a0 La Sala Plena de la Corte Constitucional, en \u00a0cumplimiento \u00a0de \u00a0sus \u00a0atribuciones \u00a0constitucionales \u00a0y \u00a0de \u00a0los \u00a0requisitos \u00a0y \u00a0tr\u00e1mites \u00a0 establecidos \u00a0 ...<br \/><div class=\"pt-cv-rmwrap\"><a href=\"https:\/\/www.dmsjuridica.com\/buscador_20179478954\/corteconstitucionalcronologico202454587\/c-308-09\/\" class=\"_self pt-cv-readmore btn btn-success\" target=\"_self\">Ver Sentencia Completa...<\/a><\/div><\/div><\/div><\/div>\n<div class=\"col-md-12 col-sm-12 col-xs-12 pt-cv-content-item pt-cv-1-col\" ><div class='pt-cv-ifield'><a href=\"https:\/\/www.dmsjuridica.com\/buscador_20179478954\/corteconstitucionalcronologico202454587\/c-307-09\/\" class=\"_self pt-cv-href-thumbnail pt-cv-thumb-default\" target=\"_self\" ><\/a>\n<div class=\"pt-cv-taxoterm above_title\"><a href='https:\/\/www.dmsjuridica.com\/buscador_20179478954\/corteconstitucionalcronologico202454587\/category\/buscar-en-toda-la-corte\/2009\/sentencias-2009\/' title='Sentencias 2009' class='pt-cv-tax-sentencias-2009'>Sentencias 2009<\/a><\/div>\n<h4 class=\"pt-cv-title\"><a href=\"https:\/\/www.dmsjuridica.com\/buscador_20179478954\/corteconstitucionalcronologico202454587\/c-307-09\/\" class=\"_self\" target=\"_self\" >C-307-09<\/a><\/h4>\n<div class=\"pt-cv-content\">\u00a0 \u00a0 Sentencia C-307-09 \u00a0 Referencia: expediente D-7441 \u00a0 Demanda \u00a0de \u00a0inconstitucionalidad \u00a0contra \u00a0el \u00a0art\u00edculo \u00a075 \u00a0de \u00a0la \u00a0Ley \u00a0812 de 2003, por la cual se \u00a0aprueba \u00a0 el \u00a0 Plan \u00a0 Nacional \u00a0 de \u00a0 Desarrollo \u00a0 2003-2006, \u00a0hacia \u00a0un \u00a0Estado \u00a0Comunitario y contra el art\u00edculo 51 de la Ley 1169 de \u00a02007, \u00a0por la cual se decreta el Presupuesto de Rentas \u00a0y \u00a0Recursos de Capital y Ley de Apropiaciones para la vigencia fiscal del 1\u00ba de \u00a0enero al 31 de diciembre de 2008. \u00a0\u00a0 Actor: Jaime Serna Giraldo \u00a0 Magistrado Ponente: \u00a0 Dr. JORGE IV\u00c1N PALACIO PALACIO \u00a0 ...<br \/><div class=\"pt-cv-rmwrap\"><a href=\"https:\/\/www.dmsjuridica.com\/buscador_20179478954\/corteconstitucionalcronologico202454587\/c-307-09\/\" class=\"_self pt-cv-readmore btn btn-success\" target=\"_self\">Ver Sentencia Completa...<\/a><\/div><\/div><\/div><\/div>\n<div class=\"col-md-12 col-sm-12 col-xs-12 pt-cv-content-item pt-cv-1-col\" ><div class='pt-cv-ifield'><a href=\"https:\/\/www.dmsjuridica.com\/buscador_20179478954\/corteconstitucionalcronologico202454587\/c-306-09\/\" class=\"_self pt-cv-href-thumbnail pt-cv-thumb-default\" target=\"_self\" ><\/a>\n<div class=\"pt-cv-taxoterm above_title\"><a href='https:\/\/www.dmsjuridica.com\/buscador_20179478954\/corteconstitucionalcronologico202454587\/category\/buscar-en-toda-la-corte\/2009\/sentencias-2009\/' title='Sentencias 2009' class='pt-cv-tax-sentencias-2009'>Sentencias 2009<\/a><\/div>\n<h4 class=\"pt-cv-title\"><a href=\"https:\/\/www.dmsjuridica.com\/buscador_20179478954\/corteconstitucionalcronologico202454587\/c-306-09\/\" class=\"_self\" target=\"_self\" >C-306-09<\/a><\/h4>\n<div class=\"pt-cv-content\">\u00a0 \u00a0 Sentencia C-306-09 \u00a0 Referencia: expediente OP-112 \u00a0 Objeciones \u00a0Presidenciales al Proyecto de Ley \u00a0No. \u00a0190 \u00a0de \u00a02007 \u00a0Senado, 077 de 2006 C\u00e1mara, \u201cmediante el cual se unifican \u00a0normas \u00a0sobre \u00a0agentes de tr\u00e1nsito y transporte y grupos de control vial de las \u00a0entidades territoriales y se dictan otras disposiciones\u201d. \u00a0\u00a0 Magistrado Ponente: \u00a0 Dr. Juan Carlos Henao \u00a0P\u00e9rez \u00a0\u00a0 Bogot\u00e1, \u00a0D.C., \u00a0veintinueve (29) de abril de \u00a0dos mil nueve (2009). \u00a0\u00a0 La \u00a0Sala \u00a0Plena de la Corte Constitucional en \u00a0ejercicio \u00a0de \u00a0sus \u00a0atribuciones \u00a0constitucionales \u00a0y \u00a0legales, \u00a0en especial las \u00a0previstas \u00a0en \u00a0los art\u00edculos 167 y 241 numeral 8 de ...<br \/><div class=\"pt-cv-rmwrap\"><a href=\"https:\/\/www.dmsjuridica.com\/buscador_20179478954\/corteconstitucionalcronologico202454587\/c-306-09\/\" class=\"_self pt-cv-readmore btn btn-success\" target=\"_self\">Ver Sentencia Completa...<\/a><\/div><\/div><\/div><\/div>\n<div class=\"col-md-12 col-sm-12 col-xs-12 pt-cv-content-item pt-cv-1-col\" ><div class='pt-cv-ifield'><a href=\"https:\/\/www.dmsjuridica.com\/buscador_20179478954\/corteconstitucionalcronologico202454587\/c-290-09\/\" class=\"_self pt-cv-href-thumbnail pt-cv-thumb-default\" target=\"_self\" ><\/a>\n<div class=\"pt-cv-taxoterm above_title\"><a href='https:\/\/www.dmsjuridica.com\/buscador_20179478954\/corteconstitucionalcronologico202454587\/category\/buscar-en-toda-la-corte\/2009\/sentencias-2009\/' title='Sentencias 2009' class='pt-cv-tax-sentencias-2009'>Sentencias 2009<\/a><\/div>\n<h4 class=\"pt-cv-title\"><a href=\"https:\/\/www.dmsjuridica.com\/buscador_20179478954\/corteconstitucionalcronologico202454587\/c-290-09\/\" class=\"_self\" target=\"_self\" >C-290-09<\/a><\/h4>\n<div class=\"pt-cv-content\">\u00a0 \u00a0 Sentencia \u00a0C-290-09 \u00a0\u00a0 Referencia: expediente O. P. 118 \u00a0 Asunto: \u00a0 Objeciones \u00a0 gubernamentales \u00a0 al \u00a0art\u00edculo \u00a02\u00ba del Proyecto de Ley No. 120 de 2006 Senado - 163 de 2007 C\u00e1mara, \u00a0\u201cPor \u00a0medio \u00a0de \u00a0la \u00a0cual \u00a0la Naci\u00f3n se asocia a la \u00a0celebraci\u00f3n \u00a0de \u00a0los 470 a\u00f1os de la Villa Hisp\u00e1nica del Municipio de Tiban\u00e1, \u00a0Departamento de Boyac\u00e1\u201d. \u00a0\u00a0 Magistrado Ponente: \u00a0 Dr. \u00a0 \u00a0 GABRIEL \u00a0 \u00a0 EDUARDO \u00a0 \u00a0MENDOZA \u00a0MARTELO \u00a0\u00a0 Bogot\u00e1, D.C.,\u00a0 veintid\u00f3s (22) de abril \u00a0de dos mil nueve (2009). \u00a0\u00a0 La Sala Plena de la Corte Constitucional, en \u00a0cumplimiento \u00a0de \u00a0sus \u00a0atribuciones ...<br \/><div class=\"pt-cv-rmwrap\"><a href=\"https:\/\/www.dmsjuridica.com\/buscador_20179478954\/corteconstitucionalcronologico202454587\/c-290-09\/\" class=\"_self pt-cv-readmore btn btn-success\" target=\"_self\">Ver Sentencia Completa...<\/a><\/div><\/div><\/div><\/div>\n<div class=\"col-md-12 col-sm-12 col-xs-12 pt-cv-content-item pt-cv-1-col\" ><div class='pt-cv-ifield'><a href=\"https:\/\/www.dmsjuridica.com\/buscador_20179478954\/corteconstitucionalcronologico202454587\/c-289-09\/\" class=\"_self pt-cv-href-thumbnail pt-cv-thumb-default\" target=\"_self\" ><\/a>\n<div class=\"pt-cv-taxoterm above_title\"><a href='https:\/\/www.dmsjuridica.com\/buscador_20179478954\/corteconstitucionalcronologico202454587\/category\/buscar-en-toda-la-corte\/2009\/sentencias-2009\/' title='Sentencias 2009' class='pt-cv-tax-sentencias-2009'>Sentencias 2009<\/a><\/div>\n<h4 class=\"pt-cv-title\"><a href=\"https:\/\/www.dmsjuridica.com\/buscador_20179478954\/corteconstitucionalcronologico202454587\/c-289-09\/\" class=\"_self\" target=\"_self\" >C-289-09<\/a><\/h4>\n<div class=\"pt-cv-content\">\u00a0 \u00a0 Sentencia C-289-09 \u00a0 Referencia: expediente OP-117 \u00a0 Asunto: \u00a0 Objeciones \u00a0 Presidenciales \u00a0 por \u00a0inconstitucionalidad \u00a0al \u00a0Proyecto \u00a0de \u00a0Ley \u00a0N\u00b0 \u00a096\/06 \u00a0Senado, 153\/07 C\u00e1mara, \u00a0\u201cpor \u00a0medio \u00a0de \u00a0la cual se modifica parcialmente la \u00a0Ley 683 de 2001\u201d \u00a0\u00a0 Magistrado Ponente: \u00a0 Dr. GABRIEL EDUARDO MENDOZA \u00a0MARTELO \u00a0\u00a0 Bogot\u00e1, D.C.,\u00a0 veintid\u00f3s (22) de abril \u00a0de dos mil nueve (2009) \u00a0\u00a0 La \u00a0Sala Plena de la Corte Constitucional, en \u00a0cumplimiento \u00a0de \u00a0sus \u00a0atribuciones \u00a0constitucionales \u00a0y \u00a0de \u00a0los \u00a0requisitos \u00a0y \u00a0tr\u00e1mites \u00a0establecidos \u00a0en \u00a0el Decreto 2067 de 1991, ha proferido la siguiente, \u00a0\u00a0 SENTENCIA \u00a0 I. \u00a0\u00a0 \u00a0\u00a0 \u00a0\u00a0 \u00a0ANTECEDENTES \u00a0\u00a0 ...<br \/><div class=\"pt-cv-rmwrap\"><a href=\"https:\/\/www.dmsjuridica.com\/buscador_20179478954\/corteconstitucionalcronologico202454587\/c-289-09\/\" class=\"_self pt-cv-readmore btn btn-success\" target=\"_self\">Ver Sentencia Completa...<\/a><\/div><\/div><\/div><\/div>\n<div class=\"col-md-12 col-sm-12 col-xs-12 pt-cv-content-item pt-cv-1-col\" ><div class='pt-cv-ifield'><a href=\"https:\/\/www.dmsjuridica.com\/buscador_20179478954\/corteconstitucionalcronologico202454587\/c-288-09\/\" class=\"_self pt-cv-href-thumbnail pt-cv-thumb-default\" target=\"_self\" ><\/a>\n<div class=\"pt-cv-taxoterm above_title\"><a href='https:\/\/www.dmsjuridica.com\/buscador_20179478954\/corteconstitucionalcronologico202454587\/category\/buscar-en-toda-la-corte\/2009\/sentencias-2009\/' title='Sentencias 2009' class='pt-cv-tax-sentencias-2009'>Sentencias 2009<\/a><\/div>\n<h4 class=\"pt-cv-title\"><a href=\"https:\/\/www.dmsjuridica.com\/buscador_20179478954\/corteconstitucionalcronologico202454587\/c-288-09\/\" class=\"_self\" target=\"_self\" >C-288-09<\/a><\/h4>\n<div class=\"pt-cv-content\">\u00a0 \u00a0 Sentencia C-288-09 \u00a0 Revisi\u00f3n \u00a0de \u00a0constitucionalidad \u00a0 \u00a0del \u00a0 \u00a0\u201cEstatuto \u00a0 Migratorio \u00a0Permanente \u00a0entre \u00a0Colombia \u00a0y Ecuador, firmado en Bogot\u00e1, el veinticuatro (24) \u00a0de \u00a0agosto \u00a0de \u00a0dos \u00a0mil (2000)\u201d y la Ley aprobatoria \u00a0No. 1203 del 4 de julio de 2008. \u00a0\u00a0 Magistrado Ponente: \u00a0 Dr. JORGE IV\u00c1N PALACIO PALACIO \u00a0 Bogot\u00e1 D. C., veintiuno (21) de abril de dos \u00a0mil nueve (2009). \u00a0\u00a0 La \u00a0Sala Plena de la Corte Constitucional, en \u00a0ejercicio \u00a0 de \u00a0sus \u00a0atribuciones \u00a0constitucionales \u00a0y \u00a0una \u00a0vez \u00a0cumplidos \u00a0los \u00a0requisitos \u00a0y \u00a0tr\u00e1mites \u00a0establecidos \u00a0en \u00a0el Decreto 2067 de 1991, profiere la \u00a0siguiente \u00a0\u00a0 SENTENCIA ...<br \/><div class=\"pt-cv-rmwrap\"><a href=\"https:\/\/www.dmsjuridica.com\/buscador_20179478954\/corteconstitucionalcronologico202454587\/c-288-09\/\" class=\"_self pt-cv-readmore btn btn-success\" target=\"_self\">Ver Sentencia Completa...<\/a><\/div><\/div><\/div><\/div>\n<div class=\"col-md-12 col-sm-12 col-xs-12 pt-cv-content-item pt-cv-1-col\" ><div class='pt-cv-ifield'><a href=\"https:\/\/www.dmsjuridica.com\/buscador_20179478954\/corteconstitucionalcronologico202454587\/c-287-09\/\" class=\"_self pt-cv-href-thumbnail pt-cv-thumb-default\" target=\"_self\" ><\/a>\n<div class=\"pt-cv-taxoterm above_title\"><a href='https:\/\/www.dmsjuridica.com\/buscador_20179478954\/corteconstitucionalcronologico202454587\/category\/buscar-en-toda-la-corte\/2009\/sentencias-2009\/' title='Sentencias 2009' class='pt-cv-tax-sentencias-2009'>Sentencias 2009<\/a><\/div>\n<h4 class=\"pt-cv-title\"><a href=\"https:\/\/www.dmsjuridica.com\/buscador_20179478954\/corteconstitucionalcronologico202454587\/c-287-09\/\" class=\"_self\" target=\"_self\" >C-287-09<\/a><\/h4>\n<div class=\"pt-cv-content\">\u00a0 \u00a0 Sentencia \u00a0C-287-09 \u00a0\u00a0 Referencia: \u00a0expediente \u00a0D-7448 \u00a0\u00a0 Demanda \u00a0de \u00a0inconstitucionalidad \u00a0contra \u00a0el \u00a0art\u00edculo 7\u00ba (parcial) de la Ley 11 de 1987. \u00a0\u00a0 Actor: Juan Rafael Bravo Arteaga \u00a0 Magistrado Ponente: \u00a0 Dr. \u00a0Luis Ernesto \u00a0Vargas Silva \u00a0\u00a0 Bogot\u00e1 \u00a0D.C., veintiuno \u00a0(21) de abril de dos mil nueve (2009). \u00a0\u00a0 La Sala Plena de la Corte Constitucional, en \u00a0ejercicio \u00a0de \u00a0sus \u00a0atribuciones \u00a0constitucionales \u00a0y \u00a0en \u00a0cumplimiento \u00a0de \u00a0los \u00a0requisitos \u00a0y tr\u00e1mites establecidos en el Decreto 2067 de 1991, ha proferido la \u00a0presente Sentencia. \u00a0\u00a0 I. \u00a0ANTECEDENTES \u00a0\u00a0 En \u00a0 ejercicio \u00a0 de \u00a0la \u00a0acci\u00f3n \u00a0p\u00fablica \u00a0consagrada \u00a0en \u00a0el \u00a0art\u00edculo ...<br \/><div class=\"pt-cv-rmwrap\"><a href=\"https:\/\/www.dmsjuridica.com\/buscador_20179478954\/corteconstitucionalcronologico202454587\/c-287-09\/\" class=\"_self pt-cv-readmore btn btn-success\" target=\"_self\">Ver Sentencia Completa...<\/a><\/div><\/div><\/div><\/div>\n<div class=\"col-md-12 col-sm-12 col-xs-12 pt-cv-content-item pt-cv-1-col\" ><div class='pt-cv-ifield'><a href=\"https:\/\/www.dmsjuridica.com\/buscador_20179478954\/corteconstitucionalcronologico202454587\/c-286-09\/\" class=\"_self pt-cv-href-thumbnail pt-cv-thumb-default\" target=\"_self\" ><\/a>\n<div class=\"pt-cv-taxoterm above_title\"><a href='https:\/\/www.dmsjuridica.com\/buscador_20179478954\/corteconstitucionalcronologico202454587\/category\/buscar-en-toda-la-corte\/2009\/sentencias-2009\/' title='Sentencias 2009' class='pt-cv-tax-sentencias-2009'>Sentencias 2009<\/a><\/div>\n<h4 class=\"pt-cv-title\"><a href=\"https:\/\/www.dmsjuridica.com\/buscador_20179478954\/corteconstitucionalcronologico202454587\/c-286-09\/\" class=\"_self\" target=\"_self\" >C-286-09<\/a><\/h4>\n<div class=\"pt-cv-content\">OBJECIONES \u00a0PRESIDENCIALES \u00a0A PROYECTO DE LEY \u00a0POR \u00a0EL \u00a0CUAL \u00a0LA \u00a0NACION \u00a0SE \u00a0VINCULA \u00a0A LA CONMEMORACION DE LOS 50 A\u00d1OS DE LA \u00a0DESANEXION \u00a0 \u00a0 \u00a0 \u00a0DEL \u00a0 \u00a0 \u00a0 \u00a0DEPARTAMENTO \u00a0 \u00a0 \u00a0 \u00a0DEL \u00a0 \u00a0 \u00a0 PUTUMAYO-Infundadas \u00a0\u00a0 OBJECIONES \u00a0 \u00a0PRESIDENCIALES-T\u00e9rmino para la formulaci\u00f3n \u00a0\u00a0 CONTROL \u00a0DE CONSTITUCIONALIDAD DE PROYECTO DE \u00a0LEY \u00a0 \u00a0 OBJETADO-An\u00e1lisis \u00a0 \u00a0que \u00a0 \u00a0comprende \u00a0 \u00a0su \u00a0estudio\/CONTROL \u00a0DE \u00a0CONSTITUCIONALIDAD \u00a0DE \u00a0OBJECION \u00a0PRESIDENCIAL-Insistencia \u00a0 de \u00a0 las \u00a0 C\u00e1maras \u00a0 como \u00a0presupuesto de procedibilidad \u00a0\u00a0 OBJECIONES \u00a0 \u00a0PRESIDENCIALES-T\u00e9rmino \u00a0 \u00a0 \u00a0constitucional \u00a0 \u00a0 \u00a0para \u00a0 \u00a0 \u00a0pronunciamiento \u00a0 \u00a0 \u00a0del \u00a0Congreso \u00a0\u00a0 La jurisprudencia ...<br \/><div class=\"pt-cv-rmwrap\"><a href=\"https:\/\/www.dmsjuridica.com\/buscador_20179478954\/corteconstitucionalcronologico202454587\/c-286-09\/\" class=\"_self pt-cv-readmore btn btn-success\" target=\"_self\">Ver Sentencia Completa...<\/a><\/div><\/div><\/div><\/div>\n<div class=\"col-md-12 col-sm-12 col-xs-12 pt-cv-content-item pt-cv-1-col\" ><div class='pt-cv-ifield'><a href=\"https:\/\/www.dmsjuridica.com\/buscador_20179478954\/corteconstitucionalcronologico202454587\/c-285-09\/\" class=\"_self pt-cv-href-thumbnail pt-cv-thumb-default\" target=\"_self\" ><\/a>\n<div class=\"pt-cv-taxoterm above_title\"><a href='https:\/\/www.dmsjuridica.com\/buscador_20179478954\/corteconstitucionalcronologico202454587\/category\/buscar-en-toda-la-corte\/2009\/sentencias-2009\/' title='Sentencias 2009' class='pt-cv-tax-sentencias-2009'>Sentencias 2009<\/a><\/div>\n<h4 class=\"pt-cv-title\"><a href=\"https:\/\/www.dmsjuridica.com\/buscador_20179478954\/corteconstitucionalcronologico202454587\/c-285-09\/\" class=\"_self\" target=\"_self\" >C-285-09<\/a><\/h4>\n<div class=\"pt-cv-content\">\u00a0 \u00a0 Sentencia \u00a0C-285-09 \u00a0\u00a0 Referencia: \u00a0 expediente\u00a0 \u00a0 L. \u00a0 A. \u00a0 T. \u00a0336 \u00a0\u00a0 \u00a0 \u00a0 Revisi\u00f3n de la Ley 1222 de julio 16 de 2008, \u00a0\u201cPor \u00a0medio \u00a0de \u00a0la \u00a0cual se aprueba el \u2018Acta \u00a0que Institucionaliza el Mecanismo \u00a0del \u00a0 \u00a0Plan \u00a0 Puebla \u00a0 \u2013 \u00a0Panam\u00e1\u2019, \u00a0 firmada \u00a0 en \u00a0Managua, \u00a0 \u00a0Nicaragua, \u00a0 \u00a0el \u00a0 \u00a025 \u00a0 de \u00a0 marzo \u00a0 de \u00a0 2004, \u00a0 el \u00a0 \u2018Anexo \u00a0 que \u00a0 modifica \u00a0 el \u00a0Acta \u00a0que \u00a0Institucionaliza \u00a0el Plan Puebla Panam\u00e1\u2019, \u00a0firmado \u00a0en \u00a0la ciudad de San Jos\u00e9, Costa Rica, el 27 de octubre \u00a0de \u00a02006, ...<br \/><div class=\"pt-cv-rmwrap\"><a href=\"https:\/\/www.dmsjuridica.com\/buscador_20179478954\/corteconstitucionalcronologico202454587\/c-285-09\/\" class=\"_self pt-cv-readmore btn btn-success\" target=\"_self\">Ver Sentencia Completa...<\/a><\/div><\/div><\/div><\/div>\n<div class=\"col-md-12 col-sm-12 col-xs-12 pt-cv-content-item pt-cv-1-col\" ><div class='pt-cv-ifield'><a href=\"https:\/\/www.dmsjuridica.com\/buscador_20179478954\/corteconstitucionalcronologico202454587\/c-284-09\/\" class=\"_self pt-cv-href-thumbnail pt-cv-thumb-default\" target=\"_self\" ><\/a>\n<div class=\"pt-cv-taxoterm above_title\"><a href='https:\/\/www.dmsjuridica.com\/buscador_20179478954\/corteconstitucionalcronologico202454587\/category\/buscar-en-toda-la-corte\/2009\/sentencias-2009\/' title='Sentencias 2009' class='pt-cv-tax-sentencias-2009'>Sentencias 2009<\/a><\/div>\n<h4 class=\"pt-cv-title\"><a href=\"https:\/\/www.dmsjuridica.com\/buscador_20179478954\/corteconstitucionalcronologico202454587\/c-284-09\/\" class=\"_self\" target=\"_self\" >C-284-09<\/a><\/h4>\n<div class=\"pt-cv-content\">\u00a0 \u00a0 Sentencia C-284-09 \u00a0 Referencia: expediente R.E. \u00a0150 \u00a0\u00a0 Revisi\u00f3n \u00a0 constitucional \u00a0 del \u00a0 Decreto \u00a0Legislativo \u00a0044 del 14 de enero de 2009, \u201cPor \u00a0el \u00a0cual se modifica parcialmente \u00a0el Decreto 4334 de 2008, modificado por el Decreto 4705 de 2008\u201d. \u00a0\u00a0 Magistrado Ponente: \u00a0 Dr. \u00a0JORGE \u00a0IV\u00c1N PALACIO \u00a0PALACIO \u00a0\u00a0 Bogot\u00e1, D.C., veintiuno (21) de abril de dos \u00a0mil nueve (2009). \u00a0\u00a0 La \u00a0Sala Plena de la Corte Constitucional, en \u00a0ejercicio \u00a0 de \u00a0 sus \u00a0 atribuciones \u00a0constitucionales, \u00a0una \u00a0vez \u00a0cumplidos \u00a0los \u00a0requisitos \u00a0y \u00a0tr\u00e1mites \u00a0establecidos \u00a0en \u00a0el Decreto 2067 de 1991, profiere la \u00a0siguiente \u00a0\u00a0 SENTENCIA ...<br \/><div class=\"pt-cv-rmwrap\"><a href=\"https:\/\/www.dmsjuridica.com\/buscador_20179478954\/corteconstitucionalcronologico202454587\/c-284-09\/\" class=\"_self pt-cv-readmore btn btn-success\" target=\"_self\">Ver Sentencia Completa...<\/a><\/div><\/div><\/div><\/div>\n<div class=\"col-md-12 col-sm-12 col-xs-12 pt-cv-content-item pt-cv-1-col\" ><div class='pt-cv-ifield'><a href=\"https:\/\/www.dmsjuridica.com\/buscador_20179478954\/corteconstitucionalcronologico202454587\/c-283-09\/\" class=\"_self pt-cv-href-thumbnail pt-cv-thumb-default\" target=\"_self\" ><\/a>\n<div class=\"pt-cv-taxoterm above_title\"><a href='https:\/\/www.dmsjuridica.com\/buscador_20179478954\/corteconstitucionalcronologico202454587\/category\/buscar-en-toda-la-corte\/2009\/sentencias-2009\/' title='Sentencias 2009' class='pt-cv-tax-sentencias-2009'>Sentencias 2009<\/a><\/div>\n<h4 class=\"pt-cv-title\"><a href=\"https:\/\/www.dmsjuridica.com\/buscador_20179478954\/corteconstitucionalcronologico202454587\/c-283-09\/\" class=\"_self\" target=\"_self\" >C-283-09<\/a><\/h4>\n<div class=\"pt-cv-content\">\u00a0 \u00a0 Sentencia C-283-09 \u00a0 Referencia: expediente RE-146 \u00a0 Revisi\u00f3n \u00a0de \u00a0constitucionalidad del Decreto \u00a0Legislativo \u00a0numero \u00a04705 \u00a0de \u00a0quince \u00a0(15) \u00a0de \u00a0diciembre \u00a0de 2008 \u201cPor \u00a0el \u00a0cual se adiciona y modifica el procedimiento establecido \u00a0en el Decreto 4334 de 2008, y se dictan otras disposiciones\u201d. \u00a0\u00a0 Magistrado Ponente: \u00a0 Dr. HUMBERTO ANTONIO SIERRA PORTO \u00a0 Bogot\u00e1, \u00a0D. \u00a0C., veintiuno (21) de abril de \u00a0dos mil nueve (2009). \u00a0\u00a0 La Sala Plena de la Corte Constitucional, en \u00a0ejercicio \u00a0de sus atribuciones constitucionales, en especial las previstas en el \u00a0art\u00edculo \u00a0241 \u00a0numeral \u00a07 \u00a0de la Constituci\u00f3n Pol\u00edtica, y cumplidos todos los \u00a0tr\u00e1mites ...<br \/><div class=\"pt-cv-rmwrap\"><a href=\"https:\/\/www.dmsjuridica.com\/buscador_20179478954\/corteconstitucionalcronologico202454587\/c-283-09\/\" class=\"_self pt-cv-readmore btn btn-success\" target=\"_self\">Ver Sentencia Completa...<\/a><\/div><\/div><\/div><\/div>\n<div class=\"col-md-12 col-sm-12 col-xs-12 pt-cv-content-item pt-cv-1-col\" ><div class='pt-cv-ifield'><a href=\"https:\/\/www.dmsjuridica.com\/buscador_20179478954\/corteconstitucionalcronologico202454587\/c-260-09\/\" class=\"_self pt-cv-href-thumbnail pt-cv-thumb-default\" target=\"_self\" ><\/a>\n<div class=\"pt-cv-taxoterm above_title\"><a href='https:\/\/www.dmsjuridica.com\/buscador_20179478954\/corteconstitucionalcronologico202454587\/category\/buscar-en-toda-la-corte\/2009\/sentencias-2009\/' title='Sentencias 2009' class='pt-cv-tax-sentencias-2009'>Sentencias 2009<\/a><\/div>\n<h4 class=\"pt-cv-title\"><a href=\"https:\/\/www.dmsjuridica.com\/buscador_20179478954\/corteconstitucionalcronologico202454587\/c-260-09\/\" class=\"_self\" target=\"_self\" >C-260-09<\/a><\/h4>\n<div class=\"pt-cv-content\">\u00a0 \u00a0 SENTENCIA C- 260 de 2009 \u00a0 (Abril 2, Bogot\u00e1 D.C.) \u00a0 Referencia: \u00a0expediente D-7413. \u00a0\u00a0 Actor: \u00a0Di\u00f3genes \u00a0Escobar. \u00a0\u00a0 Demanda \u00a0de inconstitucionalidad: \u00a0de \u00a0los \u00a0art\u00edculos \u00a013, \u00a0literal \u00a0a) y 152 a 289 de la Ley 100 de \u00a01993. \u00a0\u00a0 Magistrado \u00a0Ponente: \u00a0Mauricio Gonz\u00e1lez Cuervo. \u00a0\u00a0 1. \u00a0 \u00a0Normas \u00a0 \u00a0demandadas. \u00a0\u00a0 Di\u00f3genes \u00a0Escobar, \u00a0en ejercicio de acci\u00f3n \u00a0p\u00fablica, \u00a0demand\u00f3 \u00a0la \u00a0inconstitucionalidad del literal a) del art\u00edculo 13 de \u00a0la \u00a0Ley 100 de 1993, modificado por el art\u00edculo 2\u00ba de la Ley 797 de 2003, as\u00ed \u00a0como los art\u00edculos 152 a 289 de la Ley 100 de 1993. \u00a0\u00a0 ...<br \/><div class=\"pt-cv-rmwrap\"><a href=\"https:\/\/www.dmsjuridica.com\/buscador_20179478954\/corteconstitucionalcronologico202454587\/c-260-09\/\" class=\"_self pt-cv-readmore btn btn-success\" target=\"_self\">Ver Sentencia Completa...<\/a><\/div><\/div><\/div><\/div>\n<div class=\"col-md-12 col-sm-12 col-xs-12 pt-cv-content-item pt-cv-1-col\" ><div class='pt-cv-ifield'><a href=\"https:\/\/www.dmsjuridica.com\/buscador_20179478954\/corteconstitucionalcronologico202454587\/c-259-09\/\" class=\"_self pt-cv-href-thumbnail pt-cv-thumb-default\" target=\"_self\" ><\/a>\n<div class=\"pt-cv-taxoterm above_title\"><a href='https:\/\/www.dmsjuridica.com\/buscador_20179478954\/corteconstitucionalcronologico202454587\/category\/buscar-en-toda-la-corte\/2009\/sentencias-2009\/' title='Sentencias 2009' class='pt-cv-tax-sentencias-2009'>Sentencias 2009<\/a><\/div>\n<h4 class=\"pt-cv-title\"><a href=\"https:\/\/www.dmsjuridica.com\/buscador_20179478954\/corteconstitucionalcronologico202454587\/c-259-09\/\" class=\"_self\" target=\"_self\" >C-259-09<\/a><\/h4>\n<div class=\"pt-cv-content\">\u00a0 \u00a0 SISTEMA \u00a0GENERAL \u00a0DE \u00a0PENSIONES, \u00a0COTIZACI\u00d3N \u00a0TRABAJADORES INDEPENDIENTES \u00a0\u00a0 Corte \u00a0Constitucional. \u00a0Sala \u00a0Plena. \u00a0M. \u00a0P. \u00a0Mauricio \u00a0Gonz\u00e1lez \u00a0Cuervo. \u00a0Sentencia C-259 del 2 de abril de 2009. Expediente \u00a0D-7397. \u00a0\u00a0 S\u00edntesis: \u00a0Demanda \u00a0de \u00a0inconstitucionalidad contra el literal a) \u00a0del \u00a0art\u00edculo \u00a02\u00ba y el numeral 1 del art\u00edculo 3\u00ba (parciales) de la Ley\u00a0 \u00a0797 \u00a0de \u00a02003. \u00a0La Corte encuentra que la supuesta omisi\u00f3n legislativa relativa \u00a0aducida \u00a0por \u00a0el \u00a0demandante \u00a0no \u00a0tiene \u00a0lugar \u00a0toda \u00a0vez \u00a0que recientemente, el \u00a0par\u00e1grafo \u00a0del \u00a0art\u00edculo \u00a02\u00ba \u00a0de \u00a0la \u00a0Ley \u00a01250 \u00a0de \u00a02008 que dispone que las \u00a0personas \u00a0cuyos \u00a0ingresos mensuales sean inferiores o iguales a un\u00a0 ...<br \/><div class=\"pt-cv-rmwrap\"><a href=\"https:\/\/www.dmsjuridica.com\/buscador_20179478954\/corteconstitucionalcronologico202454587\/c-259-09\/\" class=\"_self pt-cv-readmore btn btn-success\" target=\"_self\">Ver Sentencia Completa...<\/a><\/div><\/div><\/div><\/div>\n<div class=\"col-md-12 col-sm-12 col-xs-12 pt-cv-content-item pt-cv-1-col\" ><div class='pt-cv-ifield'><a href=\"https:\/\/www.dmsjuridica.com\/buscador_20179478954\/corteconstitucionalcronologico202454587\/c-258-09\/\" class=\"_self pt-cv-href-thumbnail pt-cv-thumb-default\" target=\"_self\" ><\/a>\n<div class=\"pt-cv-taxoterm above_title\"><a href='https:\/\/www.dmsjuridica.com\/buscador_20179478954\/corteconstitucionalcronologico202454587\/category\/buscar-en-toda-la-corte\/2009\/sentencias-2009\/' title='Sentencias 2009' class='pt-cv-tax-sentencias-2009'>Sentencias 2009<\/a><\/div>\n<h4 class=\"pt-cv-title\"><a href=\"https:\/\/www.dmsjuridica.com\/buscador_20179478954\/corteconstitucionalcronologico202454587\/c-258-09\/\" class=\"_self\" target=\"_self\" >C-258-09<\/a><\/h4>\n<div class=\"pt-cv-content\">\u00a0 \u00a0 Sentencia C-258-09 \u00a0 (Bogot\u00e1 DC, abril 2) \u00a0 COSA \u00a0 JUZGADA \u00a0CONSTITUCIONAL-Configuraci\u00f3n \u00a0\u00a0 La \u00a0Corte \u00a0constat\u00f3 \u00a0que en relaci\u00f3n con la \u00a0disposici\u00f3n \u00a0 acusada \u00a0 hab\u00eda \u00a0 operado \u00a0 el \u00a0 fen\u00f3meno \u00a0 de \u00a0 cosa \u00a0 juzgada \u00a0constitucional, \u00a0en \u00a0la medida que en sentencia C-373\/02, se pronunci\u00f3 sobre el \u00a0contenido \u00a0normativo esencial del par\u00e1grafo 2\u00ba del art\u00edculo 4\u00ba de la Ley 588 \u00a0de \u00a02000, \u00a0sin \u00a0hacer ninguna restricci\u00f3n respecto del alcance de la decisi\u00f3n, \u00a0toda \u00a0vez \u00a0que \u00a0el \u00a0cargo \u00a0formulado \u00a0por \u00a0el demandante gira alrededor de la no \u00a0aplicaci\u00f3n \u00a0de \u00a0la \u00a0intemporalidad \u00a0de \u00a0la inhabilidad para acceder ...<br \/><div class=\"pt-cv-rmwrap\"><a href=\"https:\/\/www.dmsjuridica.com\/buscador_20179478954\/corteconstitucionalcronologico202454587\/c-258-09\/\" class=\"_self pt-cv-readmore btn btn-success\" target=\"_self\">Ver Sentencia Completa...<\/a><\/div><\/div><\/div><\/div>\n<div class=\"col-md-12 col-sm-12 col-xs-12 pt-cv-content-item pt-cv-1-col\" ><div class='pt-cv-ifield'><a href=\"https:\/\/www.dmsjuridica.com\/buscador_20179478954\/corteconstitucionalcronologico202454587\/c-257-09\/\" class=\"_self pt-cv-href-thumbnail pt-cv-thumb-default\" target=\"_self\" ><\/a>\n<div class=\"pt-cv-taxoterm above_title\"><a href='https:\/\/www.dmsjuridica.com\/buscador_20179478954\/corteconstitucionalcronologico202454587\/category\/buscar-en-toda-la-corte\/2009\/sentencias-2009\/' title='Sentencias 2009' class='pt-cv-tax-sentencias-2009'>Sentencias 2009<\/a><\/div>\n<h4 class=\"pt-cv-title\"><a href=\"https:\/\/www.dmsjuridica.com\/buscador_20179478954\/corteconstitucionalcronologico202454587\/c-257-09\/\" class=\"_self\" target=\"_self\" >C-257-09<\/a><\/h4>\n<div class=\"pt-cv-content\">\u00a0 \u00a0 Sentencia C-257-09 \u00a0 Referencia: expediente RE-147 \u00a0 Revisi\u00f3n \u00a0oficiosa \u00a0del \u00a0Decreto \u00a04789 \u00a0de 2008 \u201cPor el cual se \u00a0dictan medidas en materia tarifaria de energ\u00eda el\u00e9ctrica\u201d \u00a0\u00a0 Magistrada Ponente: \u00a0 Dra. \u00a0 \u00a0 \u00a0CRISTINA\u00a0 \u00a0 \u00a0 \u00a0PARDO \u00a0SCHLESINGER \u00a0\u00a0 Bogot\u00e1 \u00a0D.C.,\u00a0 \u00a0dos (2) de abril de dos \u00a0mil nueve (2009) \u00a0\u00a0 La \u00a0Sala Plena de la Corte Constitucional, en \u00a0cumplimiento \u00a0de \u00a0sus \u00a0atribuciones \u00a0constitucionales \u00a0y \u00a0de \u00a0los \u00a0requisitos \u00a0y \u00a0tr\u00e1mite \u00a0 \u00a0establecidos \u00a0 en \u00a0 el \u00a0 Decreto \u00a0 2067 \u00a0 de \u00a0 1991, \u00a0 profiere \u00a0 la \u00a0siguiente \u00a0\u00a0 SENTENCIA \u00a0 I. ANTECEDENTES \u00a0 En \u00a0 acatamiento ...<br \/><div class=\"pt-cv-rmwrap\"><a href=\"https:\/\/www.dmsjuridica.com\/buscador_20179478954\/corteconstitucionalcronologico202454587\/c-257-09\/\" class=\"_self pt-cv-readmore btn btn-success\" target=\"_self\">Ver Sentencia Completa...<\/a><\/div><\/div><\/div><\/div>\n<div class=\"col-md-12 col-sm-12 col-xs-12 pt-cv-content-item pt-cv-1-col\" ><div class='pt-cv-ifield'><a href=\"https:\/\/www.dmsjuridica.com\/buscador_20179478954\/corteconstitucionalcronologico202454587\/c-256-09\/\" class=\"_self pt-cv-href-thumbnail pt-cv-thumb-default\" target=\"_self\" ><\/a>\n<div class=\"pt-cv-taxoterm above_title\"><a href='https:\/\/www.dmsjuridica.com\/buscador_20179478954\/corteconstitucionalcronologico202454587\/category\/buscar-en-toda-la-corte\/2009\/sentencias-2009\/' title='Sentencias 2009' class='pt-cv-tax-sentencias-2009'>Sentencias 2009<\/a><\/div>\n<h4 class=\"pt-cv-title\"><a href=\"https:\/\/www.dmsjuridica.com\/buscador_20179478954\/corteconstitucionalcronologico202454587\/c-256-09\/\" class=\"_self\" target=\"_self\" >C-256-09<\/a><\/h4>\n<div class=\"pt-cv-content\">\u00a0 \u00a0 Sentencia \u00a0C-256-09 \u00a0\u00a0 Referencia: \u00a0 \u00a0 expediente RE-151 \u00a0\u00a0 Revisi\u00f3n \u00a0oficiosa de constitucionalidad del \u00a0Decreto \u00a0Legislativo \u00a0045 \u00a0de \u00a02009 \u00a0\u201cPor el cual se \u00a0establecen \u00a0medidas \u00a0para contrarrestar los efectos de la crisis social generada \u00a0por la actividad de los captadores o recaudadores\u201d. \u00a0\u00a0 Magistrado Ponente: \u00a0 Dr. \u00a0Lu\u00eds \u00a0Ernesto \u00a0Vargas Silva \u00a0\u00a0 Bogot\u00e1 \u00a0D.C., \u00a0dos \u00a0(2) \u00a0de abril de dos mil \u00a0nueve (2009). \u00a0\u00a0 La \u00a0Sala Plena de la Corte Constitucional, en \u00a0ejercicio \u00a0de \u00a0sus \u00a0atribuciones \u00a0constitucionales \u00a0y \u00a0legales, \u00a0en especial las \u00a0previstas \u00a0en \u00a0el \u00a0art\u00edculo 241, numeral 7 y el par\u00e1grafo del art\u00edculo 215 de \u00a0la \u00a0Constituci\u00f3n ...<br \/><div class=\"pt-cv-rmwrap\"><a href=\"https:\/\/www.dmsjuridica.com\/buscador_20179478954\/corteconstitucionalcronologico202454587\/c-256-09\/\" class=\"_self pt-cv-readmore btn btn-success\" target=\"_self\">Ver Sentencia Completa...<\/a><\/div><\/div><\/div><\/div>\n<div class=\"col-md-12 col-sm-12 col-xs-12 pt-cv-content-item pt-cv-1-col\" ><div class='pt-cv-ifield'><a href=\"https:\/\/www.dmsjuridica.com\/buscador_20179478954\/corteconstitucionalcronologico202454587\/c-255-09\/\" class=\"_self pt-cv-href-thumbnail pt-cv-thumb-default\" target=\"_self\" ><\/a>\n<div class=\"pt-cv-taxoterm above_title\"><a href='https:\/\/www.dmsjuridica.com\/buscador_20179478954\/corteconstitucionalcronologico202454587\/category\/buscar-en-toda-la-corte\/2009\/sentencias-2009\/' title='Sentencias 2009' class='pt-cv-tax-sentencias-2009'>Sentencias 2009<\/a><\/div>\n<h4 class=\"pt-cv-title\"><a href=\"https:\/\/www.dmsjuridica.com\/buscador_20179478954\/corteconstitucionalcronologico202454587\/c-255-09\/\" class=\"_self\" target=\"_self\" >C-255-09<\/a><\/h4>\n<div class=\"pt-cv-content\">\u00a0 \u00a0 Sentencia C-255-09 \u00a0 Referencia: expediente RE-148 \u00a0 Revisi\u00f3n \u00a0de \u00a0constitucionalidad \u00a0del \u00a0Decreto \u00a0Legislativo \u00a0No \u00a04843 \u00a0de \u00a02008, \u00a0\u201cpor \u00a0el \u00a0cual \u00a0se \u00a0modifica \u00a0el Presupuesto General de la Naci\u00f3n \u00a0para la vigencia fiscal de 2008\u201d \u00a0\u00a0 Magistrado Ponente: \u00a0 Dr. JUAN CARLOS HENAO P\u00c9REZ \u00a0 Bogot\u00e1, D.C., dos (2) de abril dos mil nueve \u00a0(2009). \u00a0\u00a0 I. ANTECEDENTES \u00a0 En \u00a0desarrollo de lo previsto en el Art. 214, \u00a0Num. \u00a06, \u00a0de \u00a0la \u00a0Constituci\u00f3n, la Presidencia de la Rep\u00fablica remiti\u00f3 a esta \u00a0Corporaci\u00f3n \u00a0el texto del Decreto Legislativo 4843 del 26 de Diciembre de 2008, \u00a0\u201cpor \u00a0el \u00a0cual se modifica ...<br \/><div class=\"pt-cv-rmwrap\"><a href=\"https:\/\/www.dmsjuridica.com\/buscador_20179478954\/corteconstitucionalcronologico202454587\/c-255-09\/\" class=\"_self pt-cv-readmore btn btn-success\" target=\"_self\">Ver Sentencia Completa...<\/a><\/div><\/div><\/div><\/div>\n<div class=\"col-md-12 col-sm-12 col-xs-12 pt-cv-content-item pt-cv-1-col\" ><div class='pt-cv-ifield'><a href=\"https:\/\/www.dmsjuridica.com\/buscador_20179478954\/corteconstitucionalcronologico202454587\/c-254-09\/\" class=\"_self pt-cv-href-thumbnail pt-cv-thumb-default\" target=\"_self\" ><\/a>\n<div class=\"pt-cv-taxoterm above_title\"><a href='https:\/\/www.dmsjuridica.com\/buscador_20179478954\/corteconstitucionalcronologico202454587\/category\/buscar-en-toda-la-corte\/2009\/sentencias-2009\/' title='Sentencias 2009' class='pt-cv-tax-sentencias-2009'>Sentencias 2009<\/a><\/div>\n<h4 class=\"pt-cv-title\"><a href=\"https:\/\/www.dmsjuridica.com\/buscador_20179478954\/corteconstitucionalcronologico202454587\/c-254-09\/\" class=\"_self\" target=\"_self\" >C-254-09<\/a><\/h4>\n<div class=\"pt-cv-content\">\u00a0 \u00a0 Sentencia C-254 de 2009 \u00a0 Referencia\u00a0 expediente RE-145. \u00a0 Revisi\u00f3n constitucional del Decreto 4704 del \u00a015 \u00a0 \u00a0de \u00a0 \u00a0diciembre \u00a0 \u00a0de \u00a0 2008, \u00a0 \u201cPor \u00a0el \u00a0cual \u00a0se \u00a0declara \u00a0el \u00a0Estado \u00a0de \u00a0Emergencia Social por un \u00a0per\u00edodo de treinta (30) d\u00edas\u201d. \u00a0\u00a0 Magistrado Ponente: \u00a0 Dr. Nilson Pinilla Pinilla. \u00a0 Bogot\u00e1, D. C., abril dos (2) de dos mil nueve \u00a0(2009). \u00a0\u00a0 La \u00a0Sala Plena de la Corte Constitucional, en \u00a0cumplimiento \u00a0de sus atribuciones constitucionales y legales y de los requisitos \u00a0y \u00a0 tr\u00e1mite \u00a0 establecidos \u00a0en \u00a0el \u00a0Decreto \u00a02067 \u00a0de \u00a01991, \u00a0ha \u00a0proferido \u00a0la \u00a0siguiente \u00a0\u00a0 ...<br \/><div class=\"pt-cv-rmwrap\"><a href=\"https:\/\/www.dmsjuridica.com\/buscador_20179478954\/corteconstitucionalcronologico202454587\/c-254-09\/\" class=\"_self pt-cv-readmore btn btn-success\" target=\"_self\">Ver Sentencia Completa...<\/a><\/div><\/div><\/div><\/div>\n<div class=\"col-md-12 col-sm-12 col-xs-12 pt-cv-content-item pt-cv-1-col\" ><div class='pt-cv-ifield'><a href=\"https:\/\/www.dmsjuridica.com\/buscador_20179478954\/corteconstitucionalcronologico202454587\/c-248-09\/\" class=\"_self pt-cv-href-thumbnail pt-cv-thumb-default\" target=\"_self\" ><\/a>\n<div class=\"pt-cv-taxoterm above_title\"><a href='https:\/\/www.dmsjuridica.com\/buscador_20179478954\/corteconstitucionalcronologico202454587\/category\/buscar-en-toda-la-corte\/2009\/sentencias-2009\/' title='Sentencias 2009' class='pt-cv-tax-sentencias-2009'>Sentencias 2009<\/a><\/div>\n<h4 class=\"pt-cv-title\"><a href=\"https:\/\/www.dmsjuridica.com\/buscador_20179478954\/corteconstitucionalcronologico202454587\/c-248-09\/\" class=\"_self\" target=\"_self\" >C-248-09<\/a><\/h4>\n<div class=\"pt-cv-content\">\u00a0 \u00a0 Sentencia C-248-09 \u00a0 Referencia: expediente LAT-334 \u00a0 Revisi\u00f3n \u00a0 de \u00a0 constitucionalidad \u00a0 del \u00a0\u201cAcuerdo \u00a0de \u00a0Complementaci\u00f3n Econ\u00f3mica n\u00famero 33 \u00a0(Tratado \u00a0de \u00a0Libre \u00a0Comercio) \u00a0celebrado \u00a0entre \u00a0la Rep\u00fablica de Colombia, los \u00a0Estados \u00a0Unidos \u00a0Mexicanos \u00a0y \u00a0la \u00a0Rep\u00fablica Bolivariana de Venezuela, S\u00e9ptimo \u00a0Protocolo \u00a0Adicional\u201d, \u00a0y \u00a0de \u00a0la Ley 1211 del 16 de \u00a0julio de 2008, por medio de la cual fue aprobado. \u00a0\u00a0 Magistrado Ponente: \u00a0 Dr. \u00a0Luis \u00a0Ernesto \u00a0Vargas Silva \u00a0\u00a0 Bogot\u00e1, \u00a0DC., primero (1\u00ba) de abril de dos \u00a0mil nueve (2009). \u00a0\u00a0 La Sala Plena de la Corte Constitucional, en \u00a0ejercicio \u00a0de \u00a0sus \u00a0atribuciones \u00a0constitucionales \u00a0y \u00a0legales, ...<br \/><div class=\"pt-cv-rmwrap\"><a href=\"https:\/\/www.dmsjuridica.com\/buscador_20179478954\/corteconstitucionalcronologico202454587\/c-248-09\/\" class=\"_self pt-cv-readmore btn btn-success\" target=\"_self\">Ver Sentencia Completa...<\/a><\/div><\/div><\/div><\/div>\n<div class=\"col-md-12 col-sm-12 col-xs-12 pt-cv-content-item pt-cv-1-col\" ><div class='pt-cv-ifield'><a href=\"https:\/\/www.dmsjuridica.com\/buscador_20179478954\/corteconstitucionalcronologico202454587\/c-247-09\/\" class=\"_self pt-cv-href-thumbnail pt-cv-thumb-default\" target=\"_self\" ><\/a>\n<div class=\"pt-cv-taxoterm above_title\"><a href='https:\/\/www.dmsjuridica.com\/buscador_20179478954\/corteconstitucionalcronologico202454587\/category\/buscar-en-toda-la-corte\/2009\/sentencias-2009\/' title='Sentencias 2009' class='pt-cv-tax-sentencias-2009'>Sentencias 2009<\/a><\/div>\n<h4 class=\"pt-cv-title\"><a href=\"https:\/\/www.dmsjuridica.com\/buscador_20179478954\/corteconstitucionalcronologico202454587\/c-247-09\/\" class=\"_self\" target=\"_self\" >C-247-09<\/a><\/h4>\n<div class=\"pt-cv-content\">\u00a0 \u00a0 Sentencia \u00a0C-247-09 \u00a0\u00a0 Referencia: expediente D-7561 \u00a0 Demanda \u00a0de \u00a0inconstitucionalidad \u00a0contra los \u00a0art\u00edculos 11 y 37 de la Ley 1152 de 2007 \u00a0\u00a0 Demandante: Karen Sylvana Barrag\u00e1n Barrag\u00e1n \u00a0\u00a0 Magistrado Ponente: \u00a0 Dr. LUIS ERNESTO VARGAS SILVA \u00a0 Bogot\u00e1, \u00a0D. \u00a0C., \u00a0primero \u00a0(1\u00ba) \u00a0abril del dos mil nueve \u00a0(2009). \u00a0\u00a0 La \u00a0Sala Plena de la Corte Constitucional, en \u00a0cumplimiento \u00a0de \u00a0sus \u00a0atribuciones \u00a0constitucionales \u00a0y \u00a0de \u00a0los \u00a0requisitos \u00a0y \u00a0tr\u00e1mites \u00a0 establecidos \u00a0 en \u00a0 el \u00a0 Decreto \u00a0 2067 \u00a0 de \u00a0 1991, \u00a0 profiere \u00a0 la \u00a0siguiente \u00a0\u00a0 SENTENCIA \u00a0\u00a0 I. ANTECEDENTES \u00a0 La ciudadana Karen Sylvana ...<br \/><div class=\"pt-cv-rmwrap\"><a href=\"https:\/\/www.dmsjuridica.com\/buscador_20179478954\/corteconstitucionalcronologico202454587\/c-247-09\/\" class=\"_self pt-cv-readmore btn btn-success\" target=\"_self\">Ver Sentencia Completa...<\/a><\/div><\/div><\/div><\/div>\n<div class=\"col-md-12 col-sm-12 col-xs-12 pt-cv-content-item pt-cv-1-col\" ><div class='pt-cv-ifield'><a href=\"https:\/\/www.dmsjuridica.com\/buscador_20179478954\/corteconstitucionalcronologico202454587\/c-246-09\/\" class=\"_self pt-cv-href-thumbnail pt-cv-thumb-default\" target=\"_self\" ><\/a>\n<div class=\"pt-cv-taxoterm above_title\"><a href='https:\/\/www.dmsjuridica.com\/buscador_20179478954\/corteconstitucionalcronologico202454587\/category\/buscar-en-toda-la-corte\/2009\/sentencias-2009\/' title='Sentencias 2009' class='pt-cv-tax-sentencias-2009'>Sentencias 2009<\/a><\/div>\n<h4 class=\"pt-cv-title\"><a href=\"https:\/\/www.dmsjuridica.com\/buscador_20179478954\/corteconstitucionalcronologico202454587\/c-246-09\/\" class=\"_self\" target=\"_self\" >C-246-09<\/a><\/h4>\n<div class=\"pt-cv-content\">\u00a0 \u00a0 Sentencia \u00a0C-246-09 \u00a0\u00a0 Referencia: \u00a0 expediente \u00a0D-7515 \u00a0y \u00a0D-7516 \u00a0(Acumulados) \u00a0\u00a0 Demandante: \u00a0 \u00a0Jorge \u00a0 \u00a0Alonso \u00a0 \u00a0Garrido \u00a0Abad \u00a0\u00a0 \u00a0 \u00a0 \u00a0 \u00a0 \u00a0 Demanda \u00a0de \u00a0inconstitucionalidad \u00a0contra los \u00a0art\u00edculos 160 y 162 de la Ley 23 de 1982 \u00a0\u00a0 Magistrada ponente (E): \u00a0 Dra. \u00a0 CLARA \u00a0 ELENA \u00a0 REALES \u00a0 GUTI\u00c9RREZ \u00a0\u00a0 Bogot\u00e1, \u00a0D.C., primero (01) de abril de dos \u00a0mil nueve (2009). \u00a0\u00a0 La \u00a0Sala Plena de la Corte Constitucional, en \u00a0cumplimiento \u00a0de \u00a0sus \u00a0atribuciones \u00a0constitucionales \u00a0y \u00a0de \u00a0los \u00a0requisitos de \u00a0tr\u00e1mite \u00a0 establecidos \u00a0 en \u00a0 el \u00a0 Decreto \u00a0 2067 \u00a0de \u00a01991, ...<br \/><div class=\"pt-cv-rmwrap\"><a href=\"https:\/\/www.dmsjuridica.com\/buscador_20179478954\/corteconstitucionalcronologico202454587\/c-246-09\/\" class=\"_self pt-cv-readmore btn btn-success\" target=\"_self\">Ver Sentencia Completa...<\/a><\/div><\/div><\/div><\/div>\n<div class=\"col-md-12 col-sm-12 col-xs-12 pt-cv-content-item pt-cv-1-col\" ><div class='pt-cv-ifield'><a href=\"https:\/\/www.dmsjuridica.com\/buscador_20179478954\/corteconstitucionalcronologico202454587\/c-245-09\/\" class=\"_self pt-cv-href-thumbnail pt-cv-thumb-default\" target=\"_self\" ><\/a>\n<div class=\"pt-cv-taxoterm above_title\"><a href='https:\/\/www.dmsjuridica.com\/buscador_20179478954\/corteconstitucionalcronologico202454587\/category\/buscar-en-toda-la-corte\/2009\/sentencias-2009\/' title='Sentencias 2009' class='pt-cv-tax-sentencias-2009'>Sentencias 2009<\/a><\/div>\n<h4 class=\"pt-cv-title\"><a href=\"https:\/\/www.dmsjuridica.com\/buscador_20179478954\/corteconstitucionalcronologico202454587\/c-245-09\/\" class=\"_self\" target=\"_self\" >C-245-09<\/a><\/h4>\n<div class=\"pt-cv-content\">\u00a0 \u00a0 Sentencia C-245-09 \u00a0 Referencia: expediente D-7567 \u00a0 Demandante: Universidad del Cauca. \u00a0 Demanda \u00a0de \u00a0inconstitucionalidad \u00a0contra los \u00a0art\u00edculos \u00a0144 \u00a0y 145 de la Ley 1152 de 2007 \u201cpor la \u00a0cual \u00a0se \u00a0dicta \u00a0el \u00a0Estatuto \u00a0de \u00a0Desarrollo \u00a0Rural, \u00a0se \u00a0reforma \u00a0el Instituto \u00a0Colombiano \u00a0 \u00a0de \u00a0 \u00a0Desarrollo \u00a0 \u00a0Rural, \u00a0 \u00a0Incoder, \u00a0 \u00a0y \u00a0 \u00a0se \u00a0 dictan \u00a0 otras \u00a0disposiciones\u201d.\u00a0 \u00a0\u00a0 Magistrado Ponente: \u00a0 Dr. JUAN CARLOS HENAO P\u00c9REZ\u00a0 \u00a0 \u00a0\u00a0 Bogot\u00e1, \u00a0D.C., primero (1\u00b0) de abril de dos \u00a0mil nueve (2009)\u00a0 \u00a0\u00a0 La \u00a0Sala Plena de la Corte Constitucional, en \u00a0ejercicio \u00a0de \u00a0sus \u00a0atribuciones \u00a0constitucionales \u00a0y \u00a0en \u00a0cumplimiento ...<br \/><div class=\"pt-cv-rmwrap\"><a href=\"https:\/\/www.dmsjuridica.com\/buscador_20179478954\/corteconstitucionalcronologico202454587\/c-245-09\/\" class=\"_self pt-cv-readmore btn btn-success\" target=\"_self\">Ver Sentencia Completa...<\/a><\/div><\/div><\/div><\/div>\n<div class=\"col-md-12 col-sm-12 col-xs-12 pt-cv-content-item pt-cv-1-col\" ><div class='pt-cv-ifield'><a href=\"https:\/\/www.dmsjuridica.com\/buscador_20179478954\/corteconstitucionalcronologico202454587\/c-244-09\/\" class=\"_self pt-cv-href-thumbnail pt-cv-thumb-default\" target=\"_self\" ><\/a>\n<div class=\"pt-cv-taxoterm above_title\"><a href='https:\/\/www.dmsjuridica.com\/buscador_20179478954\/corteconstitucionalcronologico202454587\/category\/buscar-en-toda-la-corte\/2009\/sentencias-2009\/' title='Sentencias 2009' class='pt-cv-tax-sentencias-2009'>Sentencias 2009<\/a><\/div>\n<h4 class=\"pt-cv-title\"><a href=\"https:\/\/www.dmsjuridica.com\/buscador_20179478954\/corteconstitucionalcronologico202454587\/c-244-09\/\" class=\"_self\" target=\"_self\" >C-244-09<\/a><\/h4>\n<div class=\"pt-cv-content\">Referencia: expediente D-7420 \u00a0 Demanda \u00a0 de \u00a0inconstitucionalidad contra el art\u00edculo 162 de la Ley 100 de 1993 \u00a0\u00a0 Actor: \u00a0Gina \u00a0Mar\u00eda \u00a0Parody \u00a0D\u2019echeona \u00a0\u00a0 Magistrada \u00a0Ponente: \u00a0\u00a0 Dra. CRISTINA PARDO SCHLESINGER \u00a0 Bogot\u00e1 \u00a0D.C., primero (1\u00ba) de abril de dos \u00a0mil nueve (2009) \u00a0\u00a0 La \u00a0Sala \u00a0Plena \u00a0de la Corte Constitucional, \u00a0conformada \u00a0por \u00a0los \u00a0magistrados \u00a0doctores \u00a0Nilson \u00a0Pinilla \u00a0Pinilla, \u00a0Mauricio \u00a0Gonz\u00e1lez \u00a0Cuervo, \u00a0Juan \u00a0Carlos Henao P\u00e9rez, Grabriel Eduardo Mendoza Martelo, \u00a0Jorge \u00a0Ivan \u00a0Palacio \u00a0Palacio, \u00a0Cristina \u00a0Pardo \u00a0Schlesinger, Clara Elena Reales \u00a0Guti\u00e9rrez, \u00a0Humberto \u00a0Antonio \u00a0Sierra \u00a0Porto \u00a0y \u00a0Luis \u00a0Ernesto Vargas Silva, en \u00a0ejercicio \u00a0de \u00a0sus \u00a0atribuciones \u00a0constitucionales \u00a0y \u00a0en \u00a0cumplimiento ...<br \/><div class=\"pt-cv-rmwrap\"><a href=\"https:\/\/www.dmsjuridica.com\/buscador_20179478954\/corteconstitucionalcronologico202454587\/c-244-09\/\" class=\"_self pt-cv-readmore btn btn-success\" target=\"_self\">Ver Sentencia Completa...<\/a><\/div><\/div><\/div><\/div>\n<div class=\"col-md-12 col-sm-12 col-xs-12 pt-cv-content-item pt-cv-1-col\" ><div class='pt-cv-ifield'><a href=\"https:\/\/www.dmsjuridica.com\/buscador_20179478954\/corteconstitucionalcronologico202454587\/c-243-09\/\" class=\"_self pt-cv-href-thumbnail pt-cv-thumb-default\" target=\"_self\" ><\/a>\n<div class=\"pt-cv-taxoterm above_title\"><a href='https:\/\/www.dmsjuridica.com\/buscador_20179478954\/corteconstitucionalcronologico202454587\/category\/buscar-en-toda-la-corte\/2009\/sentencias-2009\/' title='Sentencias 2009' class='pt-cv-tax-sentencias-2009'>Sentencias 2009<\/a><\/div>\n<h4 class=\"pt-cv-title\"><a href=\"https:\/\/www.dmsjuridica.com\/buscador_20179478954\/corteconstitucionalcronologico202454587\/c-243-09\/\" class=\"_self\" target=\"_self\" >C-243-09<\/a><\/h4>\n<div class=\"pt-cv-content\">Referencia: expediente D-7347 \u00a0 Demanda \u00a0de \u00a0inconstitucionalidad \u00a0contra los \u00a0art\u00edculos \u00a0506, \u00a0509 \u00a0y \u00a0511 \u00a0de \u00a0la \u00a0Ley 906 de 2004, \u00a0Por \u00a0la \u00a0cual \u00a0se \u00a0expide \u00a0el C\u00f3digo de Procedimiento \u00a0Penal. \u00a0\u00a0 Actor: Wilfrand Cuenca Zuleta \u00a0 Magistrado Ponente: \u00a0 Dr. JORGE IV\u00c1N PALACIO PALACIO \u00a0 Bogot\u00e1 \u00a0D. \u00a0C., \u00a0primero \u00a0(1\u00ba) \u00a0de \u00a0abril \u00a0de\u00a0 dos mil nueve (2009). \u00a0\u00a0 La Sala Plena de la Corte Constitucional, en \u00a0cumplimiento \u00a0de \u00a0sus \u00a0atribuciones \u00a0constitucionales \u00a0y \u00a0de \u00a0los \u00a0requisitos \u00a0y \u00a0tr\u00e1mite \u00a0establecidos \u00a0en \u00a0el \u00a0Decreto \u00a02067 \u00a0de \u00a01991, \u00a0profiere la siguiente: \u00a0\u00a0 SENTENCIA \u00a0 I. ANTECEDENTES \u00a0 El \u00a0ciudadano \u00a0Wilfrand \u00a0Cuenca \u00a0Zuleta, \u00a0en \u00a0ejercicio ...<br \/><div class=\"pt-cv-rmwrap\"><a href=\"https:\/\/www.dmsjuridica.com\/buscador_20179478954\/corteconstitucionalcronologico202454587\/c-243-09\/\" class=\"_self pt-cv-readmore btn btn-success\" target=\"_self\">Ver Sentencia Completa...<\/a><\/div><\/div><\/div><\/div>\n<div class=\"col-md-12 col-sm-12 col-xs-12 pt-cv-content-item pt-cv-1-col\" ><div class='pt-cv-ifield'><a href=\"https:\/\/www.dmsjuridica.com\/buscador_20179478954\/corteconstitucionalcronologico202454587\/c-242-09\/\" class=\"_self pt-cv-href-thumbnail pt-cv-thumb-default\" target=\"_self\" ><\/a>\n<div class=\"pt-cv-taxoterm above_title\"><a href='https:\/\/www.dmsjuridica.com\/buscador_20179478954\/corteconstitucionalcronologico202454587\/category\/buscar-en-toda-la-corte\/2009\/sentencias-2009\/' title='Sentencias 2009' class='pt-cv-tax-sentencias-2009'>Sentencias 2009<\/a><\/div>\n<h4 class=\"pt-cv-title\"><a href=\"https:\/\/www.dmsjuridica.com\/buscador_20179478954\/corteconstitucionalcronologico202454587\/c-242-09\/\" class=\"_self\" target=\"_self\" >C-242-09<\/a><\/h4>\n<div class=\"pt-cv-content\">\u00a0 \u00a0 SENTENCIA C-242-09 \u00a0 (Abril 1, Bogot\u00e1 D.C.) \u00a0 FONDO \u00a0DE \u00a0PRESTACIONES \u00a0DE \u00a0PENSIONADOS \u00a0DE \u00a0EMPRESAS \u00a0 \u00a0 \u00a0 \u00a0PRODUCTORAS \u00a0 \u00a0 \u00a0 \u00a0DE \u00a0 \u00a0 \u00a0 METALES \u00a0 \u00a0 \u00a0 PRECIOSOS-Creaci\u00f3n\/FONDO \u00a0 DE \u00a0 PRESTACIONES \u00a0 DE \u00a0PENSIONADOS \u00a0 DE \u00a0 EMPRESAS \u00a0 PRODUCTORAS \u00a0 DE \u00a0 METALES \u00a0PRECIOSOS-Objeto\/DERECHO \u00a0AL \u00a0PAGO \u00a0DE \u00a0PENSIONES \u00a0Y \u00a0DERECHOS ADQUIRIDOS-Finalidad de la norma \u00a0\u00a0 La creaci\u00f3n del Fondo de Prestaciones de las \u00a0Empresas \u00a0Productoras \u00a0de Metales Preciosos se encamin\u00f3 a la garant\u00eda del pago \u00a0de \u00a0las \u00a0pensiones de los trabajadores de empresas del sector, que a la fecha de \u00a0entrada \u00a0en \u00a0vigencia ...<br \/><div class=\"pt-cv-rmwrap\"><a href=\"https:\/\/www.dmsjuridica.com\/buscador_20179478954\/corteconstitucionalcronologico202454587\/c-242-09\/\" class=\"_self pt-cv-readmore btn btn-success\" target=\"_self\">Ver Sentencia Completa...<\/a><\/div><\/div><\/div><\/div>\n<div class=\"col-md-12 col-sm-12 col-xs-12 pt-cv-content-item pt-cv-1-col\" ><div class='pt-cv-ifield'><a href=\"https:\/\/www.dmsjuridica.com\/buscador_20179478954\/corteconstitucionalcronologico202454587\/c-241-09\/\" class=\"_self pt-cv-href-thumbnail pt-cv-thumb-default\" target=\"_self\" ><\/a>\n<div class=\"pt-cv-taxoterm above_title\"><a href='https:\/\/www.dmsjuridica.com\/buscador_20179478954\/corteconstitucionalcronologico202454587\/category\/buscar-en-toda-la-corte\/2009\/sentencias-2009\/' title='Sentencias 2009' class='pt-cv-tax-sentencias-2009'>Sentencias 2009<\/a><\/div>\n<h4 class=\"pt-cv-title\"><a href=\"https:\/\/www.dmsjuridica.com\/buscador_20179478954\/corteconstitucionalcronologico202454587\/c-241-09\/\" class=\"_self\" target=\"_self\" >C-241-09<\/a><\/h4>\n<div class=\"pt-cv-content\">\u00a0 \u00a0 Sentencia \u00a0C-241-09 \u00a0\u00a0 Referencia: expediente D-7412 \u00a0 Demanda \u00a0de \u00a0inconstitucionalidad \u00a0contra \u00a0el \u00a0art\u00edculo \u00a055 \u00a0(parcial) \u00a0de la Ley 472 de 1998, \u201cPor \u00a0la \u00a0cual se desarrolla el art\u00edculo 88 de la Constituci\u00f3n Pol\u00edtica de Colombia \u00a0en \u00a0relaci\u00f3n \u00a0con el ejercicio de las acciones populares y de grupo y se dictan \u00a0otras disposiciones\u201d. \u00a0\u00a0 Demandante: \u00a0 Ramiro \u00a0 Mej\u00eda \u00a0 Correa \u00a0 y \u00a0otros. \u00a0\u00a0 Magistrado Ponente: \u00a0 Dr. \u00a0Nilson Pinilla \u00a0Pinilla \u00a0\u00a0 Bogot\u00e1, D. C.,\u00a0 primero (1\u00b0) de abril \u00a0de dos mil nueve (2009). \u00a0\u00a0 La Sala Plena de la Corte Constitucional, en \u00a0cumplimiento \u00a0de \u00a0sus \u00a0atribuciones \u00a0constitucionales ...<br \/><div class=\"pt-cv-rmwrap\"><a href=\"https:\/\/www.dmsjuridica.com\/buscador_20179478954\/corteconstitucionalcronologico202454587\/c-241-09\/\" class=\"_self pt-cv-readmore btn btn-success\" target=\"_self\">Ver Sentencia Completa...<\/a><\/div><\/div><\/div><\/div>\n<div class=\"col-md-12 col-sm-12 col-xs-12 pt-cv-content-item pt-cv-1-col\" ><div class='pt-cv-ifield'><a href=\"https:\/\/www.dmsjuridica.com\/buscador_20179478954\/corteconstitucionalcronologico202454587\/c-240-09\/\" class=\"_self pt-cv-href-thumbnail pt-cv-thumb-default\" target=\"_self\" ><\/a>\n<div class=\"pt-cv-taxoterm above_title\"><a href='https:\/\/www.dmsjuridica.com\/buscador_20179478954\/corteconstitucionalcronologico202454587\/category\/buscar-en-toda-la-corte\/2009\/sentencias-2009\/' title='Sentencias 2009' class='pt-cv-tax-sentencias-2009'>Sentencias 2009<\/a><\/div>\n<h4 class=\"pt-cv-title\"><a href=\"https:\/\/www.dmsjuridica.com\/buscador_20179478954\/corteconstitucionalcronologico202454587\/c-240-09\/\" class=\"_self\" target=\"_self\" >C-240-09<\/a><\/h4>\n<div class=\"pt-cv-content\">\u00a0 \u00a0 SENTENCIA C-240-09 \u00a0 (Abril 1\u00b0; Bogot\u00e1 D.C.) \u00a0 RECLUTAMIENTO \u00a0DE \u00a0MENORES \u00a0Y \u00a0RECLUTAMIENTO \u00a0ILICITO-Constituyen \u00a0 \u00a0tipos \u00a0 \u00a0que \u00a0 \u00a0aseguran \u00a0 la \u00a0penalizaci\u00f3n \u00a0 \u00a0 de \u00a0 \u00a0las \u00a0 \u00a0conductas \u00a0 \u00a0proscritas \u00a0 \u00a0por \u00a0 \u00a0la \u00a0 \u00a0comunidad \u00a0internacional\/RECLUTAMIENTO DE MENORES Y RECLUTAMIENTO \u00a0ILICITO-Tipos \u00a0penales no vulneran la Constituci\u00f3n ni \u00a0el bloque de constitucionalidad \u00a0\u00a0 La normas penales previstas en los art\u00edculos \u00a014 \u00a0de la Ley 418 de 1997 y 162 de la Ley 599 de 2000, lejos de controvertir los \u00a0preceptos \u00a0internacionales \u00a0en \u00a0la \u00a0materia, \u00a0aseguran \u00a0la \u00a0penalizaci\u00f3n de las \u00a0conductas \u00a0proscritas \u00a0por \u00a0la comunidad internacional frente ...<br \/><div class=\"pt-cv-rmwrap\"><a href=\"https:\/\/www.dmsjuridica.com\/buscador_20179478954\/corteconstitucionalcronologico202454587\/c-240-09\/\" class=\"_self pt-cv-readmore btn btn-success\" target=\"_self\">Ver Sentencia Completa...<\/a><\/div><\/div><\/div><\/div>\n<div class=\"col-md-12 col-sm-12 col-xs-12 pt-cv-content-item pt-cv-1-col\" ><div class='pt-cv-ifield'><a href=\"https:\/\/www.dmsjuridica.com\/buscador_20179478954\/corteconstitucionalcronologico202454587\/c-239-09\/\" class=\"_self pt-cv-href-thumbnail pt-cv-thumb-default\" target=\"_self\" ><\/a>\n<div class=\"pt-cv-taxoterm above_title\"><a href='https:\/\/www.dmsjuridica.com\/buscador_20179478954\/corteconstitucionalcronologico202454587\/category\/buscar-en-toda-la-corte\/2009\/sentencias-2009\/' title='Sentencias 2009' class='pt-cv-tax-sentencias-2009'>Sentencias 2009<\/a><\/div>\n<h4 class=\"pt-cv-title\"><a href=\"https:\/\/www.dmsjuridica.com\/buscador_20179478954\/corteconstitucionalcronologico202454587\/c-239-09\/\" class=\"_self\" target=\"_self\" >C-239-09<\/a><\/h4>\n<div class=\"pt-cv-content\">\u00a0 \u00a0 Sentencia \u00a0C-239-09 \u00a0\u00a0 RE-144-09 \u00a0\u00a0 (Abril \u00a01\u00ba \u00a0Bogot\u00e1 \u00a0DC \u00a0) \u00a0\u00a0 Ref: \u00a0 \u00a0 \u00a0 \u00a0\u00a0 \u00a0Expediente\u00a0 RE-144 \u00a0\u00a0 Revisi\u00f3n \u00a0 \u00a0constitucional: \u00a0 del \u00a0 Decreto \u00a0 4685 \u00a0de \u00a02008 \u00a0(12 \u00a0de \u00a0diciembre) \u00a0\u201cPor \u00a0el \u00a0cual \u00a0se dicta una disposici\u00f3n en materia de extinci\u00f3n \u00a0del dominio.\u201d \u00a0\u00a0 Magistrado \u00a0 \u00a0Ponente:\u00a0 Mauricio Gonz\u00e1lez Cuervo \u00a0\u00a0 \u00a0 \u00a0 \u00a0 I. ANTECEDENTES \u00a0 \u00a0 1.- \u00a0 \u00a0\u00a0 \u00a0\u00a0 \u00a0 \u00a0 \u00a0 \u00a0 \u00a0 \u00a0 Texto \u00a0 \u00a0 \u00a0 \u00a0 del \u00a0 \u00a0 \u00a0 \u00a0 decreto \u00a0legislativo: \u00a0\u00a0 \u201cDECRETO \u00a0 4685 \u00a0 DE \u00a0 2008 \u00a01 \u00a0\u00a0 (diciembre 12) \u00a0 MINISTERIO \u00a0 ...<br \/><div class=\"pt-cv-rmwrap\"><a href=\"https:\/\/www.dmsjuridica.com\/buscador_20179478954\/corteconstitucionalcronologico202454587\/c-239-09\/\" class=\"_self pt-cv-readmore btn btn-success\" target=\"_self\">Ver Sentencia Completa...<\/a><\/div><\/div><\/div><\/div>\n<div class=\"col-md-12 col-sm-12 col-xs-12 pt-cv-content-item pt-cv-1-col\" ><div class='pt-cv-ifield'><a href=\"https:\/\/www.dmsjuridica.com\/buscador_20179478954\/corteconstitucionalcronologico202454587\/c-228-09\/\" class=\"_self pt-cv-href-thumbnail pt-cv-thumb-default\" target=\"_self\" ><\/a>\n<div class=\"pt-cv-taxoterm above_title\"><a href='https:\/\/www.dmsjuridica.com\/buscador_20179478954\/corteconstitucionalcronologico202454587\/category\/buscar-en-toda-la-corte\/2009\/sentencias-2009\/' title='Sentencias 2009' class='pt-cv-tax-sentencias-2009'>Sentencias 2009<\/a><\/div>\n<h4 class=\"pt-cv-title\"><a href=\"https:\/\/www.dmsjuridica.com\/buscador_20179478954\/corteconstitucionalcronologico202454587\/c-228-09\/\" class=\"_self\" target=\"_self\" >C-228-09<\/a><\/h4>\n<div class=\"pt-cv-content\">\u00a0 \u00a0 Sentencia C-228-09 \u00a0 Referencia: expediente D- 7295 \u00a0 Demanda \u00a0de \u00a0inconstitucionalidad \u00a0contra \u00a0el \u00a0art\u00edculo \u00a03\u00b0 de la Ley 1101 de 2006 \u201cPor la cual se \u00a0modifica \u00a0 \u00a0 \u00a0 \u00a0 \u00a0 \u00a0la \u00a0 \u00a0 \u00a0 \u00a0 \u00a0 \u00a0Ley \u00a0 \u00a0 \u00a0 \u00a0 \u00a0 \u00a0300 \u00a0 de \u00a0 1996 \u00a0 - \u00a0 Ley \u00a0 General \u00a0 de \u00a0Turismo \u00a0y \u00a0se \u00a0dictan \u00a0otras \u00a0disposiciones\u201d. \u00a0\u00a0 Demandante: \u00a0 Andrea \u00a0 Carolina \u00a0 Guevara \u00a0Rojas. \u00a0\u00a0 Magistrado Ponente: \u00a0 Dr. HUMBERTO ANTONIO SIERRA PORTO \u00a0 Bogot\u00e1, \u00a0D.C., treinta (30) de marzo de dos \u00a0mil nueve (2009) \u00a0\u00a0 La Sala Plena de la ...<br \/><div class=\"pt-cv-rmwrap\"><a href=\"https:\/\/www.dmsjuridica.com\/buscador_20179478954\/corteconstitucionalcronologico202454587\/c-228-09\/\" class=\"_self pt-cv-readmore btn btn-success\" target=\"_self\">Ver Sentencia Completa...<\/a><\/div><\/div><\/div><\/div>\n<div class=\"col-md-12 col-sm-12 col-xs-12 pt-cv-content-item pt-cv-1-col\" ><div class='pt-cv-ifield'><a href=\"https:\/\/www.dmsjuridica.com\/buscador_20179478954\/corteconstitucionalcronologico202454587\/c-227-09\/\" class=\"_self pt-cv-href-thumbnail pt-cv-thumb-default\" target=\"_self\" ><\/a>\n<div class=\"pt-cv-taxoterm above_title\"><a href='https:\/\/www.dmsjuridica.com\/buscador_20179478954\/corteconstitucionalcronologico202454587\/category\/buscar-en-toda-la-corte\/2009\/sentencias-2009\/' title='Sentencias 2009' class='pt-cv-tax-sentencias-2009'>Sentencias 2009<\/a><\/div>\n<h4 class=\"pt-cv-title\"><a href=\"https:\/\/www.dmsjuridica.com\/buscador_20179478954\/corteconstitucionalcronologico202454587\/c-227-09\/\" class=\"_self\" target=\"_self\" >C-227-09<\/a><\/h4>\n<div class=\"pt-cv-content\">\u00a0 \u00a0 Sentencia \u00a0C-227-09 \u00a0\u00a0 Referencia: \u00a0expediente \u00a0D-7402 \u00a0\u00a0 Demanda \u00a0de \u00a0inconstitucionalidad \u00a0contra \u00a0el \u00a0art\u00edculo \u00a011 (parcial) de la Ley 794 de 2003 \u201cPor la \u00a0cual \u00a0se \u00a0modifica \u00a0el \u00a0C\u00f3digo \u00a0de \u00a0Procedimiento \u00a0Civil, \u00a0se regula el proceso \u00a0ejecutivo y se dictan otras disposiciones\u201d. \u00a0\u00a0 Actor: \u00a0 \u00a0Francisco \u00a0 \u00a0Javier \u00a0 \u00a0Afanador \u00a0Qui\u00f1ones. \u00a0\u00a0 Magistrado Ponente: \u00a0 Dr. LUIS ERNESTO VARGAS SILVA \u00a0 Bogot\u00e1 DC., treinta (30) de marzo de dos mil \u00a0nueve (2009). \u00a0\u00a0 La Sala Plena de la Corte Constitucional, en \u00a0ejercicio \u00a0de \u00a0sus \u00a0atribuciones \u00a0constitucionales \u00a0y \u00a0legales, \u00a0en especial las \u00a0previstas \u00a0en \u00a0el \u00a0art\u00edculo \u00a0241, \u00a0numeral \u00a04, de ...<br \/><div class=\"pt-cv-rmwrap\"><a href=\"https:\/\/www.dmsjuridica.com\/buscador_20179478954\/corteconstitucionalcronologico202454587\/c-227-09\/\" class=\"_self pt-cv-readmore btn btn-success\" target=\"_self\">Ver Sentencia Completa...<\/a><\/div><\/div><\/div><\/div>\n<div class=\"col-md-12 col-sm-12 col-xs-12 pt-cv-content-item pt-cv-1-col\" ><div class='pt-cv-ifield'><a href=\"https:\/\/www.dmsjuridica.com\/buscador_20179478954\/corteconstitucionalcronologico202454587\/c-226-09\/\" class=\"_self pt-cv-href-thumbnail pt-cv-thumb-default\" target=\"_self\" ><\/a>\n<div class=\"pt-cv-taxoterm above_title\"><a href='https:\/\/www.dmsjuridica.com\/buscador_20179478954\/corteconstitucionalcronologico202454587\/category\/buscar-en-toda-la-corte\/2009\/sentencias-2009\/' title='Sentencias 2009' class='pt-cv-tax-sentencias-2009'>Sentencias 2009<\/a><\/div>\n<h4 class=\"pt-cv-title\"><a href=\"https:\/\/www.dmsjuridica.com\/buscador_20179478954\/corteconstitucionalcronologico202454587\/c-226-09\/\" class=\"_self\" target=\"_self\" >C-226-09<\/a><\/h4>\n<div class=\"pt-cv-content\">\u00a0 \u00a0 Sentencia C-226-09 \u00a0 Referencia: expediente RE - 141 \u00a0 Asunto: \u00a0Revisi\u00f3n constitucional del Decreto \u00a0Legislativo \u00a04450 \u00a0de \u00a02008, \u201cPor el cual se adiciona \u00a0el art\u00edculo 305 del C\u00f3digo Penal\u201d. \u00a0\u00a0 Magistrado Ponente: \u00a0 Dr. \u00a0 \u00a0 GABRIEL \u00a0 \u00a0 EDUARDO \u00a0 \u00a0MENDOZA \u00a0MARTELO \u00a0\u00a0 Bogot\u00e1 \u00a0D.C., \u00a0treinta (30) de marzo de dos \u00a0mil nueve (2009) \u00a0\u00a0 I. \u00a0 \u00a0 \u00a0 \u00a0\u00a0 \u00a0ANTECEDENTES \u00a0\u00a0 El 27 de noviembre de 2008, el Presidente de \u00a0la \u00a0Rep\u00fablica, \u00a0atendiendo lo previsto en el par\u00e1grafo del art\u00edculo 215 de la \u00a0Constituci\u00f3n \u00a0 Pol\u00edtica \u00a0 y \u00a0 la \u00a0 Ley \u00a0137 \u00a0de \u00a01994, \u00a0remiti\u00f3 ...<br \/><div class=\"pt-cv-rmwrap\"><a href=\"https:\/\/www.dmsjuridica.com\/buscador_20179478954\/corteconstitucionalcronologico202454587\/c-226-09\/\" class=\"_self pt-cv-readmore btn btn-success\" target=\"_self\">Ver Sentencia Completa...<\/a><\/div><\/div><\/div><\/div>\n<div class=\"col-md-12 col-sm-12 col-xs-12 pt-cv-content-item pt-cv-1-col\" ><div class='pt-cv-ifield'><a href=\"https:\/\/www.dmsjuridica.com\/buscador_20179478954\/corteconstitucionalcronologico202454587\/c-225-09\/\" class=\"_self pt-cv-href-thumbnail pt-cv-thumb-default\" target=\"_self\" ><\/a>\n<div class=\"pt-cv-taxoterm above_title\"><a href='https:\/\/www.dmsjuridica.com\/buscador_20179478954\/corteconstitucionalcronologico202454587\/category\/buscar-en-toda-la-corte\/2009\/sentencias-2009\/' title='Sentencias 2009' class='pt-cv-tax-sentencias-2009'>Sentencias 2009<\/a><\/div>\n<h4 class=\"pt-cv-title\"><a href=\"https:\/\/www.dmsjuridica.com\/buscador_20179478954\/corteconstitucionalcronologico202454587\/c-225-09\/\" class=\"_self\" target=\"_self\" >C-225-09<\/a><\/h4>\n<div class=\"pt-cv-content\">\u00a0 \u00a0 Sentencia C-225\/09 \u00a0 DECRETO LEGISLATIVO DE DESARROLLO DE ESTADO DE \u00a0EMERGENCIA-Tipifica \u00a0conducta \u00a0de omisi\u00f3n de reportes \u00a0sobre \u00a0transacciones \u00a0en \u00a0efectivo, \u00a0movilizaci\u00f3n o almacenamiento de dinero en \u00a0efectivo \u00a0y \u00a0modifica \u00a0el \u00a0tipo \u00a0penal \u00a0que \u00a0sanciona \u00a0el \u00a0delito de omisi\u00f3n de \u00a0control \u00a0\u00a0 DECRETO LEGISLATIVO DE DESARROLLO DE ESTADO DE \u00a0EMERGENCIA-Inexistencia \u00a0de \u00a0relaci\u00f3n \u00a0de \u00a0conexidad \u00a0material \u00a0 con \u00a0 decreto \u00a0que \u00a0declar\u00f3 \u00a0el \u00a0Estado \u00a0de \u00a0Emergencia\/DECRETO \u00a0LEGISLATIVO \u00a0DE \u00a0DESARROLLO \u00a0DE \u00a0ESTADO \u00a0DE \u00a0EMERGENCIA QUE \u00a0TIPIFICA \u00a0LA \u00a0CONDUCTA \u00a0DE OMISION DE REPORTES SOBRE TRANSACCIONES EN EFECTIVO Y \u00a0MODIFICA \u00a0EL \u00a0DELITO DE OMISION DE CONTROL-No satisface \u00a0juicio de conexidad material \u00a0\u00a0 Si ...<br \/><div class=\"pt-cv-rmwrap\"><a href=\"https:\/\/www.dmsjuridica.com\/buscador_20179478954\/corteconstitucionalcronologico202454587\/c-225-09\/\" class=\"_self pt-cv-readmore btn btn-success\" target=\"_self\">Ver Sentencia Completa...<\/a><\/div><\/div><\/div><\/div>\n<div class=\"col-md-12 col-sm-12 col-xs-12 pt-cv-content-item pt-cv-1-col\" ><div class='pt-cv-ifield'><a href=\"https:\/\/www.dmsjuridica.com\/buscador_20179478954\/corteconstitucionalcronologico202454587\/c-224-09\/\" class=\"_self pt-cv-href-thumbnail pt-cv-thumb-default\" target=\"_self\" ><\/a>\n<div class=\"pt-cv-taxoterm above_title\"><a href='https:\/\/www.dmsjuridica.com\/buscador_20179478954\/corteconstitucionalcronologico202454587\/category\/buscar-en-toda-la-corte\/2009\/sentencias-2009\/' title='Sentencias 2009' class='pt-cv-tax-sentencias-2009'>Sentencias 2009<\/a><\/div>\n<h4 class=\"pt-cv-title\"><a href=\"https:\/\/www.dmsjuridica.com\/buscador_20179478954\/corteconstitucionalcronologico202454587\/c-224-09\/\" class=\"_self\" target=\"_self\" >C-224-09<\/a><\/h4>\n<div class=\"pt-cv-content\">\u00a0 \u00a0 Sentencia C-224-09 \u00a0 Referencia: expediente RE \u00a0139 \u00a0\u00a0 Revisi\u00f3n \u00a0 constitucional \u00a0 del \u00a0 Decreto \u00a0Legislativo \u00a0 4336 \u00a0del \u00a017 \u00a0de \u00a0noviembre \u00a0de \u00a02008, \u00a0\u201cPor \u00a0el cual se modifica \u00a0el C\u00f3digo Penal\u201d. \u00a0\u00a0 Magistrado Ponente: \u00a0 Dr. \u00a0JORGE \u00a0IV\u00c1N PALACIO \u00a0PALACIO \u00a0\u00a0 Bogot\u00e1, \u00a0D.C., \u00a0treinta (30) de marzo de dos \u00a0mil nueve (2009). \u00a0\u00a0 La \u00a0Sala Plena de la Corte Constitucional, en \u00a0ejercicio \u00a0 de \u00a0sus \u00a0atribuciones \u00a0constitucionales \u00a0y \u00a0una \u00a0vez \u00a0cumplidos \u00a0los \u00a0requisitos \u00a0y \u00a0tr\u00e1mites \u00a0establecidos \u00a0en \u00a0el Decreto 2067 de 1991, profiere la \u00a0siguiente \u00a0\u00a0 I. ANTECEDENTES. \u00a0 El Presidente de la Rep\u00fablica, en desarrollo \u00a0del ...<br \/><div class=\"pt-cv-rmwrap\"><a href=\"https:\/\/www.dmsjuridica.com\/buscador_20179478954\/corteconstitucionalcronologico202454587\/c-224-09\/\" class=\"_self pt-cv-readmore btn btn-success\" target=\"_self\">Ver Sentencia Completa...<\/a><\/div><\/div><\/div><\/div>\n<div class=\"col-md-12 col-sm-12 col-xs-12 pt-cv-content-item pt-cv-1-col\" ><div class='pt-cv-ifield'><a href=\"https:\/\/www.dmsjuridica.com\/buscador_20179478954\/corteconstitucionalcronologico202454587\/c-196-09\/\" class=\"_self pt-cv-href-thumbnail pt-cv-thumb-default\" target=\"_self\" ><\/a>\n<div class=\"pt-cv-taxoterm above_title\"><a href='https:\/\/www.dmsjuridica.com\/buscador_20179478954\/corteconstitucionalcronologico202454587\/category\/buscar-en-toda-la-corte\/2009\/sentencias-2009\/' title='Sentencias 2009' class='pt-cv-tax-sentencias-2009'>Sentencias 2009<\/a><\/div>\n<h4 class=\"pt-cv-title\"><a href=\"https:\/\/www.dmsjuridica.com\/buscador_20179478954\/corteconstitucionalcronologico202454587\/c-196-09\/\" class=\"_self\" target=\"_self\" >C-196-09<\/a><\/h4>\n<div class=\"pt-cv-content\">\u00a0 \u00a0 Sentencia C-196-09 \u00a0 Referencia: expediente OP-115 \u00a0 Objeciones \u00a0Presidenciales al Proyecto de Ley \u00a0No. \u00a0092 \u00a0de 2006 Senado, 238 de 2008 C\u00e1mara \u201cpor el \u00a0cual \u00a0se \u00a0establece \u00a0el \u00a0procedimiento sancionatorio ambiental y se dictan otras \u00a0disposiciones\u201d \u00a0\u00a0 Magistrada Ponente (E): \u00a0 Dra. \u00a0Clara \u00a0Elena \u00a0Reales Guti\u00e9rrez \u00a0\u00a0 Bogot\u00e1, \u00a0D.C., veinticinco (25) de marzo de \u00a0dos mil nueve (2009) \u00a0\u00a0 La Sala Plena de la Corte Constitucional, en \u00a0ejercicio \u00a0de \u00a0sus \u00a0atribuciones constitucionales, en especial la contemplada en \u00a0los \u00a0art\u00edculos \u00a0167 \u00a0y \u00a0241, \u00a0numeral \u00a08, \u00a0de la Constituci\u00f3n, ha proferido la \u00a0siguiente \u00a0\u00a0 SENTENCIA \u00a0 al \u00a0 decidir \u00a0 ...<br \/><div class=\"pt-cv-rmwrap\"><a href=\"https:\/\/www.dmsjuridica.com\/buscador_20179478954\/corteconstitucionalcronologico202454587\/c-196-09\/\" class=\"_self pt-cv-readmore btn btn-success\" target=\"_self\">Ver Sentencia Completa...<\/a><\/div><\/div><\/div><\/div>\n<div class=\"col-md-12 col-sm-12 col-xs-12 pt-cv-content-item pt-cv-1-col\" ><div class='pt-cv-ifield'><a href=\"https:\/\/www.dmsjuridica.com\/buscador_20179478954\/corteconstitucionalcronologico202454587\/c-195-09\/\" class=\"_self pt-cv-href-thumbnail pt-cv-thumb-default\" target=\"_self\" ><\/a>\n<div class=\"pt-cv-taxoterm above_title\"><a href='https:\/\/www.dmsjuridica.com\/buscador_20179478954\/corteconstitucionalcronologico202454587\/category\/buscar-en-toda-la-corte\/2009\/sentencias-2009\/' title='Sentencias 2009' class='pt-cv-tax-sentencias-2009'>Sentencias 2009<\/a><\/div>\n<h4 class=\"pt-cv-title\"><a href=\"https:\/\/www.dmsjuridica.com\/buscador_20179478954\/corteconstitucionalcronologico202454587\/c-195-09\/\" class=\"_self\" target=\"_self\" >C-195-09<\/a><\/h4>\n<div class=\"pt-cv-content\">\u00a0 \u00a0 Sentencia C-195-09 \u00a0 Referencia: expediente LAT-327 \u00a0 Revisi\u00f3n \u00a0de \u00a0constitucionalidad \u00a0del \u00a0\u201c\u00b4Instrumento de Enmienda a \u00a0la \u00a0Constituci\u00f3n \u00a0de \u00a0la Organizaci\u00f3n Internacional del Trabajo\u00b4, adoptado en \u00a0la \u00a0 octog\u00e9sima \u00a0quinta \u00a0(85\u00aa) \u00a0reuni\u00f3n \u00a0de \u00a0la \u00a0Conferencia \u00a0General \u00a0de \u00a0la \u00a0Organizaci\u00f3n \u00a0Internacional \u00a0del \u00a0Trabajo, \u00a0en \u00a0Ginebra, \u00a0el diecinueve (19) de \u00a0junio \u00a0de \u00a0mil \u00a0novecientos noventa y siete (1997)\u201d y \u00a0la Ley aprobatoria No. 1197 del 5 de junio de 2008. \u00a0\u00a0 Magistrado Ponente: \u00a0 Dr.\u00a0 \u00a0 \u00a0 JORGE \u00a0 \u00a0IV\u00c1N \u00a0 \u00a0PALACIO \u00a0PALACIO \u00a0\u00a0 Bogot\u00e1 \u00a0D. \u00a0C., veinticinco (25) de marzo de \u00a0dos mil nueve (2009). \u00a0\u00a0 La \u00a0Sala Plena de ...<br \/><div class=\"pt-cv-rmwrap\"><a href=\"https:\/\/www.dmsjuridica.com\/buscador_20179478954\/corteconstitucionalcronologico202454587\/c-195-09\/\" class=\"_self pt-cv-readmore btn btn-success\" target=\"_self\">Ver Sentencia Completa...<\/a><\/div><\/div><\/div><\/div>\n<div class=\"col-md-12 col-sm-12 col-xs-12 pt-cv-content-item pt-cv-1-col\" ><div class='pt-cv-ifield'><a href=\"https:\/\/www.dmsjuridica.com\/buscador_20179478954\/corteconstitucionalcronologico202454587\/c-177-09\/\" class=\"_self pt-cv-href-thumbnail pt-cv-thumb-default\" target=\"_self\" ><\/a>\n<div class=\"pt-cv-taxoterm above_title\"><a href='https:\/\/www.dmsjuridica.com\/buscador_20179478954\/corteconstitucionalcronologico202454587\/category\/buscar-en-toda-la-corte\/2009\/sentencias-2009\/' title='Sentencias 2009' class='pt-cv-tax-sentencias-2009'>Sentencias 2009<\/a><\/div>\n<h4 class=\"pt-cv-title\"><a href=\"https:\/\/www.dmsjuridica.com\/buscador_20179478954\/corteconstitucionalcronologico202454587\/c-177-09\/\" class=\"_self\" target=\"_self\" >C-177-09<\/a><\/h4>\n<div class=\"pt-cv-content\">\u00a0 \u00a0 Sentencia C-177-09 \u00a0 Referencia: expediente D-7482 \u00a0 Accionante: \u00a0 Andr\u00e9s \u00a0 Eduardo \u00a0 Dewdney \u00a0Montero \u00a0\u00a0 Magistrada Ponente (E): \u00a0 Dra. \u00a0Clara \u00a0Elena \u00a0Reales Guti\u00e9rrez \u00a0\u00a0 Bogot\u00e1, D.C., dieciocho (18) de marzo de dos \u00a0mil nueve (2009). \u00a0\u00a0 La Sala Plena de la Corte Constitucional, en \u00a0cumplimiento \u00a0de \u00a0sus \u00a0atribuciones \u00a0constitucionales \u00a0y \u00a0de \u00a0los \u00a0requisitos de \u00a0tr\u00e1mite \u00a0 establecidos \u00a0 en \u00a0 el \u00a0 Decreto \u00a0 2067 \u00a0de \u00a01991, \u00a0ha \u00a0proferido \u00a0la \u00a0siguiente \u00a0\u00a0 SENTENCIA \u00a0 \u00a0 \u00a0 \u00a0 I. ANTECEDENTES \u00a0 \u00a0\u00a0 En \u00a0ejercicio \u00a0de \u00a0la \u00a0acci\u00f3n \u00a0p\u00fablica \u00a0de \u00a0inconstitucionalidad, \u00a0el \u00a0ciudadano Andr\u00e9s Eduardo Dewdney Montero demand\u00f3 ...<br \/><div class=\"pt-cv-rmwrap\"><a href=\"https:\/\/www.dmsjuridica.com\/buscador_20179478954\/corteconstitucionalcronologico202454587\/c-177-09\/\" class=\"_self pt-cv-readmore btn btn-success\" target=\"_self\">Ver Sentencia Completa...<\/a><\/div><\/div><\/div><\/div>\n<div class=\"col-md-12 col-sm-12 col-xs-12 pt-cv-content-item pt-cv-1-col\" ><div class='pt-cv-ifield'><a href=\"https:\/\/www.dmsjuridica.com\/buscador_20179478954\/corteconstitucionalcronologico202454587\/c-176-09\/\" class=\"_self pt-cv-href-thumbnail pt-cv-thumb-default\" target=\"_self\" ><\/a>\n<div class=\"pt-cv-taxoterm above_title\"><a href='https:\/\/www.dmsjuridica.com\/buscador_20179478954\/corteconstitucionalcronologico202454587\/category\/buscar-en-toda-la-corte\/2009\/sentencias-2009\/' title='Sentencias 2009' class='pt-cv-tax-sentencias-2009'>Sentencias 2009<\/a><\/div>\n<h4 class=\"pt-cv-title\"><a href=\"https:\/\/www.dmsjuridica.com\/buscador_20179478954\/corteconstitucionalcronologico202454587\/c-176-09\/\" class=\"_self\" target=\"_self\" >C-176-09<\/a><\/h4>\n<div class=\"pt-cv-content\">\u00a0 \u00a0 Sentencia \u00a0C-176-09 \u00a0\u00a0 Referencia: \u00a0Expediente \u00a0RE-149 \u00a0\u00a0 Revisi\u00f3n \u00a0de \u00a0Constitucionalidad del Decreto \u00a0021 \u00a0de \u00a0enero \u00a08 \u00a0de \u00a02009 \u00a0\"Por \u00a0el \u00a0cual \u00a0se \u00a0levanta el Estado de Conmoci\u00f3n \u00a0Interior\". \u00a0\u00a0 Dra. \u00a0CLARA \u00a0ELENA REALES \u00a0GUTI\u00c9RREZ \u00a0\u00a0 Bogot\u00e1, D.C., dieciocho (18) de marzo de dos \u00a0mil nueve (2009) \u00a0\u00a0 La \u00a0Sala Plena de la Corte Constitucional, en \u00a0ejercicio \u00a0de sus atribuciones constitucionales, en especial las previstas en el \u00a0art\u00edculo \u00a0241 \u00a0numeral \u00a07 \u00a0de la Constituci\u00f3n Pol\u00edtica, y cumplidos todos los \u00a0tr\u00e1mites \u00a0y requisitos establecidos en el Decreto 2067 de 1991, ha proferido la \u00a0siguiente \u00a0\u00a0 SENTENCIA \u00a0\u00a0 En el proceso ...<br \/><div class=\"pt-cv-rmwrap\"><a href=\"https:\/\/www.dmsjuridica.com\/buscador_20179478954\/corteconstitucionalcronologico202454587\/c-176-09\/\" class=\"_self pt-cv-readmore btn btn-success\" target=\"_self\">Ver Sentencia Completa...<\/a><\/div><\/div><\/div><\/div>\n<div class=\"col-md-12 col-sm-12 col-xs-12 pt-cv-content-item pt-cv-1-col\" ><div class='pt-cv-ifield'><a href=\"https:\/\/www.dmsjuridica.com\/buscador_20179478954\/corteconstitucionalcronologico202454587\/c-175-09\/\" class=\"_self pt-cv-href-thumbnail pt-cv-thumb-default\" target=\"_self\" ><\/a>\n<div class=\"pt-cv-taxoterm above_title\"><a href='https:\/\/www.dmsjuridica.com\/buscador_20179478954\/corteconstitucionalcronologico202454587\/category\/buscar-en-toda-la-corte\/2009\/sentencias-2009\/' title='Sentencias 2009' class='pt-cv-tax-sentencias-2009'>Sentencias 2009<\/a><\/div>\n<h4 class=\"pt-cv-title\"><a href=\"https:\/\/www.dmsjuridica.com\/buscador_20179478954\/corteconstitucionalcronologico202454587\/c-175-09\/\" class=\"_self\" target=\"_self\" >C-175-09<\/a><\/h4>\n<div class=\"pt-cv-content\">\u00a0 \u00a0 Sentencia \u00a0C-175-09 \u00a0\u00a0 Referencia: \u00a0expediente \u00a0D-7308 \u00a0\u00a0 Demanda de inconstitucionalidad contra la Ley \u00a01152 \u00a0de \u00a02007, \u00a0\u201cpor la cual se dicta al Estatuto de \u00a0Desarrollo \u00a0Rural, \u00a0se \u00a0reforma \u00a0el \u00a0Instituto \u00a0Colombiano \u00a0de Desarrollo Rural, \u00a0Incoder, y se dictan otras disposiciones\u201d. \u00a0\u00a0 Actores: \u00a0Gustavo \u00a0Gall\u00f3n \u00a0Giraldo, \u00a0F\u00e1tima \u00a0Esparza Calder\u00f3n y Astrid Orjuela Ruiz. \u00a0\u00a0 Magistrado Ponente: \u00a0 Dr. \u00a0LUIS \u00a0ERNESTO \u00a0VARGAS SILVA \u00a0\u00a0 \u00a0 \u00a0 \u00a0 \u00a0 \u00a0 \u00a0\u00a0 \u00a0\u00a0 \u00a0 \u00a0 \u00a0 \u00a0 \u00a0 \u00a0 \u00a0 \u00a0 \u00a0\u00a0 Bogot\u00e1 \u00a0D.C., dieciocho \u00a0(18) de marzo de dos mil nueve (2009). \u00a0\u00a0 La Sala Plena de la Corte Constitucional, en ...<br \/><div class=\"pt-cv-rmwrap\"><a href=\"https:\/\/www.dmsjuridica.com\/buscador_20179478954\/corteconstitucionalcronologico202454587\/c-175-09\/\" class=\"_self pt-cv-readmore btn btn-success\" target=\"_self\">Ver Sentencia Completa...<\/a><\/div><\/div><\/div><\/div>\n<div class=\"col-md-12 col-sm-12 col-xs-12 pt-cv-content-item pt-cv-1-col\" ><div class='pt-cv-ifield'><a href=\"https:\/\/www.dmsjuridica.com\/buscador_20179478954\/corteconstitucionalcronologico202454587\/c-174-09\/\" class=\"_self pt-cv-href-thumbnail pt-cv-thumb-default\" target=\"_self\" ><\/a>\n<div class=\"pt-cv-taxoterm above_title\"><a href='https:\/\/www.dmsjuridica.com\/buscador_20179478954\/corteconstitucionalcronologico202454587\/category\/buscar-en-toda-la-corte\/2009\/sentencias-2009\/' title='Sentencias 2009' class='pt-cv-tax-sentencias-2009'>Sentencias 2009<\/a><\/div>\n<h4 class=\"pt-cv-title\"><a href=\"https:\/\/www.dmsjuridica.com\/buscador_20179478954\/corteconstitucionalcronologico202454587\/c-174-09\/\" class=\"_self\" target=\"_self\" >C-174-09<\/a><\/h4>\n<div class=\"pt-cv-content\">\u00a0 \u00a0 Sentencia C-174-09 \u00a0 Referencia: expediente D-7387 \u00a0 Demanda \u00a0de \u00a0inconstitucionalidad \u00a0contra \u00a0el \u00a0art\u00edculo \u00a01\u00ba. \u00a0(parcial) \u00a0de \u00a0la \u00a0Ley \u00a0755 \u00a0de \u00a02002, \u00a0\u201cPor la cual se modifica el par\u00e1grafo del art\u00edculo \u00a0236 del C\u00f3digo Sustantivo del Trabajo\u201d. \u00a0\u00a0 Actor: \u00a0 \u00a0Miller \u00a0 \u00a0Alfonso \u00a0 \u00a0Ram\u00edrez \u00a0Sol\u00f3rzano \u00a0\u00a0 Magistrado Ponente: \u00a0 Dr. JORGE IV\u00c1N PALACIO PALACIO \u00a0 Bogot\u00e1 \u00a0D. \u00a0C., \u00a0dieciocho \u00a0(18) \u00a0de \u00a0marzo \u00a0de\u00a0 dos mil nueve (2009). \u00a0\u00a0 La Sala Plena de la Corte Constitucional, en \u00a0cumplimiento \u00a0de \u00a0sus \u00a0atribuciones \u00a0constitucionales \u00a0y \u00a0de \u00a0los \u00a0requisitos \u00a0y \u00a0tr\u00e1mite \u00a0establecidos \u00a0en \u00a0el \u00a0Decreto \u00a02067 \u00a0de \u00a01991, \u00a0profiere \u00a0la siguiente \u00a0\u00a0 ...<br \/><div class=\"pt-cv-rmwrap\"><a href=\"https:\/\/www.dmsjuridica.com\/buscador_20179478954\/corteconstitucionalcronologico202454587\/c-174-09\/\" class=\"_self pt-cv-readmore btn btn-success\" target=\"_self\">Ver Sentencia Completa...<\/a><\/div><\/div><\/div><\/div>\n<div class=\"col-md-12 col-sm-12 col-xs-12 pt-cv-content-item pt-cv-1-col\" ><div class='pt-cv-ifield'><a href=\"https:\/\/www.dmsjuridica.com\/buscador_20179478954\/corteconstitucionalcronologico202454587\/c-173-09\/\" class=\"_self pt-cv-href-thumbnail pt-cv-thumb-default\" target=\"_self\" ><\/a>\n<div class=\"pt-cv-taxoterm above_title\"><a href='https:\/\/www.dmsjuridica.com\/buscador_20179478954\/corteconstitucionalcronologico202454587\/category\/buscar-en-toda-la-corte\/2009\/sentencias-2009\/' title='Sentencias 2009' class='pt-cv-tax-sentencias-2009'>Sentencias 2009<\/a><\/div>\n<h4 class=\"pt-cv-title\"><a href=\"https:\/\/www.dmsjuridica.com\/buscador_20179478954\/corteconstitucionalcronologico202454587\/c-173-09\/\" class=\"_self\" target=\"_self\" >C-173-09<\/a><\/h4>\n<div class=\"pt-cv-content\">\u00a0 \u00a0 Sentencia \u00a0C-173-09 \u00a0\u00a0 Referencia: expediente: OP-106 \u00a0 Objeciones presidenciales al art\u00edculo 2\u00ba del \u00a0proyecto \u00a0 de \u00a0 ley \u00a0 n.\u00b0 \u00a0 065\/06 \u00a0 Senado \u00a0 - \u00a0206\/07 \u00a0C\u00e1mara, \u00a0\u201cpor \u00a0medio \u00a0de \u00a0la \u00a0cual se regula lo atinente a los requisitos y \u00a0procedimientos \u00a0para \u00a0ingresar \u00a0al \u00a0servicio \u00a0educativo \u00a0estatal en las zonas de \u00a0dif\u00edcil acceso y se dictan otras disposiciones\u201d. \u00a0\u00a0 Magistrado Ponente: \u00a0 Dr. LUIS ERNESTO VARGAS SILVA \u00a0 Bogot\u00e1 \u00a0D.C., dieciocho (18) de marzo de dos \u00a0mil nueve (2009). \u00a0\u00a0 La Sala Plena de la Corte Constitucional, en \u00a0ejercicio \u00a0de \u00a0sus \u00a0atribuciones \u00a0constitucionales \u00a0y \u00a0legales, \u00a0en especial ...<br \/><div class=\"pt-cv-rmwrap\"><a href=\"https:\/\/www.dmsjuridica.com\/buscador_20179478954\/corteconstitucionalcronologico202454587\/c-173-09\/\" class=\"_self pt-cv-readmore btn btn-success\" target=\"_self\">Ver Sentencia Completa...<\/a><\/div><\/div><\/div><\/div>\n<div class=\"col-md-12 col-sm-12 col-xs-12 pt-cv-content-item pt-cv-1-col\" ><div class='pt-cv-ifield'><a href=\"https:\/\/www.dmsjuridica.com\/buscador_20179478954\/corteconstitucionalcronologico202454587\/c-172-09\/\" class=\"_self pt-cv-href-thumbnail pt-cv-thumb-default\" target=\"_self\" ><\/a>\n<div class=\"pt-cv-taxoterm above_title\"><a href='https:\/\/www.dmsjuridica.com\/buscador_20179478954\/corteconstitucionalcronologico202454587\/category\/buscar-en-toda-la-corte\/2009\/sentencias-2009\/' title='Sentencias 2009' class='pt-cv-tax-sentencias-2009'>Sentencias 2009<\/a><\/div>\n<h4 class=\"pt-cv-title\"><a href=\"https:\/\/www.dmsjuridica.com\/buscador_20179478954\/corteconstitucionalcronologico202454587\/c-172-09\/\" class=\"_self\" target=\"_self\" >C-172-09<\/a><\/h4>\n<div class=\"pt-cv-content\">\u00a0 \u00a0 Sentencia C-172-09 \u00a0\u00a0 Referencia: expediente RE-143 \u00a0 Revisi\u00f3n \u00a0oficiosa \u00a0del \u00a0Decreto \u00a04591 \u00a0de 2008 \u201cPor el cual se \u00a0dictan \u00a0medidas \u00a0para extender la oferta de servicios financieros a las personas \u00a0de \u00a0 \u00a0menores \u00a0 \u00a0ingresos \u00a0 \u00a0de \u00a0 \u00a0la \u00a0 \u00a0poblaci\u00f3n \u00a0 \u00a0y \u00a0 \u00a0se \u00a0 \u00a0dictan \u00a0 otras \u00a0disposiciones\u201d \u00a0\u00a0 Magistrada Ponente: \u00a0 Dra. \u00a0 \u00a0 \u00a0CRISTINA\u00a0 \u00a0 \u00a0 \u00a0PARDO \u00a0SCHLESINGER \u00a0\u00a0 Bogot\u00e1 \u00a0D.C., dieciocho (18) de marzo de dos \u00a0mil nueve (2009) \u00a0\u00a0 La \u00a0Sala Plena de la Corte Constitucional, en \u00a0cumplimiento \u00a0de \u00a0sus \u00a0atribuciones \u00a0constitucionales \u00a0y \u00a0de \u00a0los \u00a0requisitos \u00a0y \u00a0tr\u00e1mite \u00a0 \u00a0establecidos \u00a0 en ...<br \/><div class=\"pt-cv-rmwrap\"><a href=\"https:\/\/www.dmsjuridica.com\/buscador_20179478954\/corteconstitucionalcronologico202454587\/c-172-09\/\" class=\"_self pt-cv-readmore btn btn-success\" target=\"_self\">Ver Sentencia Completa...<\/a><\/div><\/div><\/div><\/div>\n<div class=\"col-md-12 col-sm-12 col-xs-12 pt-cv-content-item pt-cv-1-col\" ><div class='pt-cv-ifield'><a href=\"https:\/\/www.dmsjuridica.com\/buscador_20179478954\/corteconstitucionalcronologico202454587\/c-151-09\/\" class=\"_self pt-cv-href-thumbnail pt-cv-thumb-default\" target=\"_self\" ><\/a>\n<div class=\"pt-cv-taxoterm above_title\"><a href='https:\/\/www.dmsjuridica.com\/buscador_20179478954\/corteconstitucionalcronologico202454587\/category\/buscar-en-toda-la-corte\/2009\/sentencias-2009\/' title='Sentencias 2009' class='pt-cv-tax-sentencias-2009'>Sentencias 2009<\/a><\/div>\n<h4 class=\"pt-cv-title\"><a href=\"https:\/\/www.dmsjuridica.com\/buscador_20179478954\/corteconstitucionalcronologico202454587\/c-151-09\/\" class=\"_self\" target=\"_self\" >C-151-09<\/a><\/h4>\n<div class=\"pt-cv-content\">Referencia: expediente D-7396 \u00a0 Demanda \u00a0de \u00a0inconstitucionalidad \u00a0contra \u00a0el \u00a0art\u00edculo 237 (parcial) de la Ley 906 de 2004. \u00a0\u00a0 Demandante: \u00a0 \u00a0 Leonardo \u00a0 \u00a0 Cuadrado \u00a0Ar\u00e9valo. \u00a0\u00a0 Magistrado Ponente: \u00a0 Dr. HUMBERTO ANTONIO SIERRA PORTO \u00a0 Bogot\u00e1, D.C., once (11) de marzo de dos mil \u00a0nueve (2009). \u00a0\u00a0 La Sala Plena de la Corte Constitucional, en \u00a0cumplimiento \u00a0de \u00a0sus \u00a0atribuciones \u00a0constitucionales \u00a0y \u00a0de \u00a0los \u00a0requisitos \u00a0y \u00a0tr\u00e1mite \u00a0 establecidos \u00a0 en \u00a0 el \u00a0 decreto \u00a0 2067 \u00a0de \u00a01991, \u00a0ha \u00a0proferido \u00a0la \u00a0siguiente \u00a0\u00a0 SENTENCIA \u00a0 en \u00a0 relaci\u00f3n \u00a0 con \u00a0 la \u00a0 demanda \u00a0 de \u00a0inconstitucionalidad \u00a0 ...<br \/><div class=\"pt-cv-rmwrap\"><a href=\"https:\/\/www.dmsjuridica.com\/buscador_20179478954\/corteconstitucionalcronologico202454587\/c-151-09\/\" class=\"_self pt-cv-readmore btn btn-success\" target=\"_self\">Ver Sentencia Completa...<\/a><\/div><\/div><\/div><\/div>\n<div class=\"col-md-12 col-sm-12 col-xs-12 pt-cv-content-item pt-cv-1-col\" ><div class='pt-cv-ifield'><a href=\"https:\/\/www.dmsjuridica.com\/buscador_20179478954\/corteconstitucionalcronologico202454587\/c-150-09\/\" class=\"_self pt-cv-href-thumbnail pt-cv-thumb-default\" target=\"_self\" ><\/a>\n<div class=\"pt-cv-taxoterm above_title\"><a href='https:\/\/www.dmsjuridica.com\/buscador_20179478954\/corteconstitucionalcronologico202454587\/category\/buscar-en-toda-la-corte\/2009\/sentencias-2009\/' title='Sentencias 2009' class='pt-cv-tax-sentencias-2009'>Sentencias 2009<\/a><\/div>\n<h4 class=\"pt-cv-title\"><a href=\"https:\/\/www.dmsjuridica.com\/buscador_20179478954\/corteconstitucionalcronologico202454587\/c-150-09\/\" class=\"_self\" target=\"_self\" >C-150-09<\/a><\/h4>\n<div class=\"pt-cv-content\">\u00a0 \u00a0 Sentencia C-150-09 \u00a0 (Marzo 11, Bogot\u00e1 D.C.) \u00a0 Ref.: \u00a0Expediente \u00a0LAT-328 \u00a0\u00a0 Revisi\u00f3n \u00a0 \u00a0constitucional: \u00a0de \u00a0la \u00a0Ley \u00a01198 \u00a0de \u00a02008 (6 de junio) por la cual se aprueba el \u00a0\u201cConvenio \u00a0entre \u00a0la \u00a0Rep\u00fablica \u00a0de \u00a0Colombia y la \u00a0Confederaci\u00f3n \u00a0Suiza \u00a0sobre \u00a0la \u00a0Promoci\u00f3n \u00a0y \u00a0la \u00a0Protecci\u00f3n \u00a0Rec\u00edproca \u00a0de \u00a0Inversiones \u00a0y su Protocolo\u201d celebrados el 17 de mayo \u00a0de 2006 en Berna (Suiza). \u00a0\u00a0 Magistrado \u00a0Ponente: \u00a0MAURICIO GONZ\u00c1LEZ CUERVO \u00a0\u00a0 I. \u00a0ANTECEDENTES. \u00a0\u00a0 \u00a0 \u00a0 \u00a0 \u00a0\u00a0 1. \u00a0 Texto \u00a0 del \u00a0 tratado \u00a0 y \u00a0 la \u00a0 ley \u00a0aprobatoria. \u00a0\u00a0 El \u00a0texto de la Ley 1198 de ...<br \/><div class=\"pt-cv-rmwrap\"><a href=\"https:\/\/www.dmsjuridica.com\/buscador_20179478954\/corteconstitucionalcronologico202454587\/c-150-09\/\" class=\"_self pt-cv-readmore btn btn-success\" target=\"_self\">Ver Sentencia Completa...<\/a><\/div><\/div><\/div><\/div>\n<div class=\"col-md-12 col-sm-12 col-xs-12 pt-cv-content-item pt-cv-1-col\" ><div class='pt-cv-ifield'><a href=\"https:\/\/www.dmsjuridica.com\/buscador_20179478954\/corteconstitucionalcronologico202454587\/c-149-09\/\" class=\"_self pt-cv-href-thumbnail pt-cv-thumb-default\" target=\"_self\" ><\/a>\n<div class=\"pt-cv-taxoterm above_title\"><a href='https:\/\/www.dmsjuridica.com\/buscador_20179478954\/corteconstitucionalcronologico202454587\/category\/buscar-en-toda-la-corte\/2009\/sentencias-2009\/' title='Sentencias 2009' class='pt-cv-tax-sentencias-2009'>Sentencias 2009<\/a><\/div>\n<h4 class=\"pt-cv-title\"><a href=\"https:\/\/www.dmsjuridica.com\/buscador_20179478954\/corteconstitucionalcronologico202454587\/c-149-09\/\" class=\"_self\" target=\"_self\" >C-149-09<\/a><\/h4>\n<div class=\"pt-cv-content\">\u00a0 \u00a0 Sentencia C-149-09 \u00a0 Referencia: expediente D-7280 \u00a0 Asunto: Demanda de inconstitucionalidad contra \u00a0el \u00a0 art\u00edculo \u00a0 80 \u00a0 (parcial) \u00a0 de \u00a0 la \u00a0 Ley \u00a0 1098 \u00a0 de \u00a02006, \u00a0\u201cPor \u00a0la cual se expide el C\u00f3digo de la \u00a0Infancia y la Adolescencia\u201d. \u00a0\u00a0 Demandante: \u00a0 \u00a0 Jos\u00e9 \u00a0 \u00a0 A. \u00a0 \u00a0Bonilla \u00a0Quintero \u00a0\u00a0 Magistrado Ponente: \u00a0 Dr. \u00a0 \u00a0 GABRIEL \u00a0 \u00a0 EDUARDO \u00a0 \u00a0MENDOZA \u00a0MARTELO. \u00a0\u00a0 Bogot\u00e1 \u00a0D.C., once (11) de marzo de dos mil \u00a0nueve (2009). \u00a0\u00a0 La Sala Plena de la Corte Constitucional, en \u00a0cumplimiento \u00a0de \u00a0sus \u00a0atribuciones \u00a0constitucionales \u00a0y \u00a0de \u00a0los \u00a0requisitos ...<br \/><div class=\"pt-cv-rmwrap\"><a href=\"https:\/\/www.dmsjuridica.com\/buscador_20179478954\/corteconstitucionalcronologico202454587\/c-149-09\/\" class=\"_self pt-cv-readmore btn btn-success\" target=\"_self\">Ver Sentencia Completa...<\/a><\/div><\/div><\/div><\/div>\n<div class=\"col-md-12 col-sm-12 col-xs-12 pt-cv-content-item pt-cv-1-col\" ><div class='pt-cv-ifield'><a href=\"https:\/\/www.dmsjuridica.com\/buscador_20179478954\/corteconstitucionalcronologico202454587\/c-146-09\/\" class=\"_self pt-cv-href-thumbnail pt-cv-thumb-default\" target=\"_self\" ><\/a>\n<div class=\"pt-cv-taxoterm above_title\"><a href='https:\/\/www.dmsjuridica.com\/buscador_20179478954\/corteconstitucionalcronologico202454587\/category\/buscar-en-toda-la-corte\/2009\/sentencias-2009\/' title='Sentencias 2009' class='pt-cv-tax-sentencias-2009'>Sentencias 2009<\/a><\/div>\n<h4 class=\"pt-cv-title\"><a href=\"https:\/\/www.dmsjuridica.com\/buscador_20179478954\/corteconstitucionalcronologico202454587\/c-146-09\/\" class=\"_self\" target=\"_self\" >C-146-09<\/a><\/h4>\n<div class=\"pt-cv-content\">\u00a0 \u00a0 Sentencia \u00a0C-146-09 \u00a0\u00a0 Revisi\u00f3n \u00a0oficiosa de constitucionalidad del \u00a0Decreto \u00a0Legislativo \u00a04490 \u00a0de \u00a02008 \u00a0\u201cpor el cual se \u00a0modifica \u00a0el Presupuesto General de la Naci\u00f3n para la vigencia fiscal 2008 y se \u00a0dictan otras disposiciones.\u201d \u00a0\u00a0 Magistrado Ponente: \u00a0 Dr. LUIS ERNESTO VARGAS SILVA \u00a0 Bogot\u00e1 \u00a0D.C., doce (12) de marzo de dos mil \u00a0nueve (2009). \u00a0\u00a0 La Sala Plena de la Corte Constitucional, en \u00a0ejercicio \u00a0de \u00a0sus \u00a0atribuciones \u00a0constitucionales \u00a0y \u00a0legales, \u00a0en especial las \u00a0previstas \u00a0en \u00a0el \u00a0art\u00edculo 241, numeral 7 y el par\u00e1grafo del art\u00edculo 215 de \u00a0la \u00a0Constituci\u00f3n Pol\u00edtica, y cumplidos los tr\u00e1mites y requisitos contemplados ...<br \/><div class=\"pt-cv-rmwrap\"><a href=\"https:\/\/www.dmsjuridica.com\/buscador_20179478954\/corteconstitucionalcronologico202454587\/c-146-09\/\" class=\"_self pt-cv-readmore btn btn-success\" target=\"_self\">Ver Sentencia Completa...<\/a><\/div><\/div><\/div><\/div>\n<div class=\"col-md-12 col-sm-12 col-xs-12 pt-cv-content-item pt-cv-1-col\" ><div class='pt-cv-ifield'><a href=\"https:\/\/www.dmsjuridica.com\/buscador_20179478954\/corteconstitucionalcronologico202454587\/c-145-09\/\" class=\"_self pt-cv-href-thumbnail pt-cv-thumb-default\" target=\"_self\" ><\/a>\n<div class=\"pt-cv-taxoterm above_title\"><a href='https:\/\/www.dmsjuridica.com\/buscador_20179478954\/corteconstitucionalcronologico202454587\/category\/buscar-en-toda-la-corte\/2009\/sentencias-2009\/' title='Sentencias 2009' class='pt-cv-tax-sentencias-2009'>Sentencias 2009<\/a><\/div>\n<h4 class=\"pt-cv-title\"><a href=\"https:\/\/www.dmsjuridica.com\/buscador_20179478954\/corteconstitucionalcronologico202454587\/c-145-09\/\" class=\"_self\" target=\"_self\" >C-145-09<\/a><\/h4>\n<div class=\"pt-cv-content\">\u00a0 \u00a0 SENTENCIA C-145-09 \u00a0 Referencia: expediente RE-137. \u00a0 Revisi\u00f3n constitucional del Decreto 4334 del \u00a017 \u00a0 \u00a0de \u00a0 \u00a0noviembre \u00a0 \u00a0de \u00a0 2008, \u00a0 \u201cPor \u00a0 el \u00a0cual \u00a0se \u00a0expide \u00a0un \u00a0procedimiento \u00a0de \u00a0intervenci\u00f3n \u00a0en \u00a0desarrollo del Decreto 4333 del 17 de noviembre de 2008\u201d. \u00a0\u00a0 Magistrado Ponente: \u00a0 Dr. NILSON PINILLA PINILLA \u00a0 Bogot\u00e1, \u00a0D. \u00a0C., \u00a0marzo doce (12) de dos mil \u00a0nueve (2009). \u00a0\u00a0 La \u00a0Sala Plena de la Corte Constitucional, en \u00a0cumplimiento \u00a0de sus atribuciones constitucionales y legales y de los requisitos \u00a0y \u00a0 tr\u00e1mite \u00a0 establecidos \u00a0en \u00a0el \u00a0Decreto \u00a02067 \u00a0de \u00a01991, \u00a0ha \u00a0proferido \u00a0la ...<br \/><div class=\"pt-cv-rmwrap\"><a href=\"https:\/\/www.dmsjuridica.com\/buscador_20179478954\/corteconstitucionalcronologico202454587\/c-145-09\/\" class=\"_self pt-cv-readmore btn btn-success\" target=\"_self\">Ver Sentencia Completa...<\/a><\/div><\/div><\/div><\/div>\n<div class=\"col-md-12 col-sm-12 col-xs-12 pt-cv-content-item pt-cv-1-col\" ><div class='pt-cv-ifield'><a href=\"https:\/\/www.dmsjuridica.com\/buscador_20179478954\/corteconstitucionalcronologico202454587\/c-144-09\/\" class=\"_self pt-cv-href-thumbnail pt-cv-thumb-default\" target=\"_self\" ><\/a>\n<div class=\"pt-cv-taxoterm above_title\"><a href='https:\/\/www.dmsjuridica.com\/buscador_20179478954\/corteconstitucionalcronologico202454587\/category\/buscar-en-toda-la-corte\/2009\/sentencias-2009\/' title='Sentencias 2009' class='pt-cv-tax-sentencias-2009'>Sentencias 2009<\/a><\/div>\n<h4 class=\"pt-cv-title\"><a href=\"https:\/\/www.dmsjuridica.com\/buscador_20179478954\/corteconstitucionalcronologico202454587\/c-144-09\/\" class=\"_self\" target=\"_self\" >C-144-09<\/a><\/h4>\n<div class=\"pt-cv-content\">\u00a0 \u00a0 Sentencia C-144-09 \u00a0 (Marzo 4, Bogot\u00e1 D.C.) \u00a0 CODIGO \u00a0 \u00a0 NACIONAL \u00a0 \u00a0 DE \u00a0 \u00a0 TRANSITO \u00a0TERRESTRE-Normas que confieren potestad discrecional a \u00a0autoridades \u00a0de \u00a0tr\u00e1nsito para ordenar medidas de prevenci\u00f3n de accidentalidad \u00a0y \u00a0control de velocidad no vulneran prohibici\u00f3n de arbitrariedad ni derechos de \u00a0los ciudadanos \u00a0\u00a0 DEMANDA \u00a0DE INCONSTITUCIONALIDAD-Requisitos \u00a0\u00a0 DEMANDA \u00a0DE INCONSTITUCIONALIDAD-Concepto \u00a0 \u00a0de \u00a0 \u00a0violaci\u00f3n\/DEMANDA \u00a0 DE \u00a0INCONSTITUCIONALIDAD-Razones \u00a0por \u00a0las \u00a0cuales \u00a0textos \u00a0acusados se estiman violados \u00a0\u00a0 La \u00a0 acci\u00f3n \u00a0de \u00a0inconstitucionalidad \u00a0por \u00a0tratarse \u00a0de \u00a0una \u00a0acci\u00f3n \u00a0p\u00fablica, le permite al ciudadano actuar sin mayores \u00a0exigencias \u00a0de t\u00e9cnica jur\u00eddica ordinaria. No obstante, dada ...<br \/><div class=\"pt-cv-rmwrap\"><a href=\"https:\/\/www.dmsjuridica.com\/buscador_20179478954\/corteconstitucionalcronologico202454587\/c-144-09\/\" class=\"_self pt-cv-readmore btn btn-success\" target=\"_self\">Ver Sentencia Completa...<\/a><\/div><\/div><\/div><\/div>\n<div class=\"col-md-12 col-sm-12 col-xs-12 pt-cv-content-item pt-cv-1-col\" ><div class='pt-cv-ifield'><a href=\"https:\/\/www.dmsjuridica.com\/buscador_20179478954\/corteconstitucionalcronologico202454587\/c-136-09\/\" class=\"_self pt-cv-href-thumbnail pt-cv-thumb-default\" target=\"_self\" ><\/a>\n<div class=\"pt-cv-taxoterm above_title\"><a href='https:\/\/www.dmsjuridica.com\/buscador_20179478954\/corteconstitucionalcronologico202454587\/category\/buscar-en-toda-la-corte\/2009\/sentencias-2009\/' title='Sentencias 2009' class='pt-cv-tax-sentencias-2009'>Sentencias 2009<\/a><\/div>\n<h4 class=\"pt-cv-title\"><a href=\"https:\/\/www.dmsjuridica.com\/buscador_20179478954\/corteconstitucionalcronologico202454587\/c-136-09\/\" class=\"_self\" target=\"_self\" >C-136-09<\/a><\/h4>\n<div class=\"pt-cv-content\">\u00a0 \u00a0 Sentencia C-136-09 \u00a0 Referencia: expediente RE-138 \u00a0 Revisi\u00f3n \u00a0de \u00a0constitucionalidad del Decreto \u00a0legislativo \u00a0 \u00a0No \u00a0 4335 \u00a0 del \u00a0 17 \u00a0 de \u00a0 noviembre \u00a0 de \u00a0 2008, \u00a0 \u201cPor \u00a0el \u00a0cual \u00a0se asignan funciones a los Alcaldes y Gobernadores \u00a0en \u00a0 desarrollo \u00a0 del \u00a0Decreto \u00a0No \u00a04333 \u00a0de \u00a0noviembre \u00a0de \u00a02008\u201d. \u00a0\u00a0 Magistrado Ponente: \u00a0 Dr. JAIME ARA\u00daJO RENTER\u00cdA \u00a0 Bogot\u00e1, \u00a0D.C., \u00a0veinticinco\u00a0 \u00a0(25) \u00a0de \u00a0febrero de dos mil nueve (2009). \u00a0\u00a0 I. ANTECEDENTES \u00a0 Como \u00a0lo \u00a0ordena \u00a0la \u00a0Carta \u00a0Pol\u00edtica, el \u00a0Presidente \u00a0de \u00a0la \u00a0Rep\u00fablica \u00a0ha \u00a0enviado \u00a0a \u00a0la Corte Constitucional, al d\u00eda \u00a0siguiente \u00a0a ...<br \/><div class=\"pt-cv-rmwrap\"><a href=\"https:\/\/www.dmsjuridica.com\/buscador_20179478954\/corteconstitucionalcronologico202454587\/c-136-09\/\" class=\"_self pt-cv-readmore btn btn-success\" target=\"_self\">Ver Sentencia Completa...<\/a><\/div><\/div><\/div><\/div>\n<div class=\"col-md-12 col-sm-12 col-xs-12 pt-cv-content-item pt-cv-1-col\" ><div class='pt-cv-ifield'><a href=\"https:\/\/www.dmsjuridica.com\/buscador_20179478954\/corteconstitucionalcronologico202454587\/c-135-09\/\" class=\"_self pt-cv-href-thumbnail pt-cv-thumb-default\" target=\"_self\" ><\/a>\n<div class=\"pt-cv-taxoterm above_title\"><a href='https:\/\/www.dmsjuridica.com\/buscador_20179478954\/corteconstitucionalcronologico202454587\/category\/buscar-en-toda-la-corte\/2009\/sentencias-2009\/' title='Sentencias 2009' class='pt-cv-tax-sentencias-2009'>Sentencias 2009<\/a><\/div>\n<h4 class=\"pt-cv-title\"><a href=\"https:\/\/www.dmsjuridica.com\/buscador_20179478954\/corteconstitucionalcronologico202454587\/c-135-09\/\" class=\"_self\" target=\"_self\" >C-135-09<\/a><\/h4>\n<div class=\"pt-cv-content\">\u00a0 \u00a0 Sentencia C-135-09 \u00a0 Referencia: expediente RE-136 \u00a0 Revisi\u00f3n \u00a0de \u00a0constitucionalidad del Decreto \u00a04333 \u00a0de diecisiete (17) de noviembre de 2008 \u201cPor el \u00a0cual se declara el Estado de Emergencia Social\u201d. \u00a0\u00a0 Magistrado Ponente: \u00a0 Dr. HUMBERTO ANTONIO SIERRA \u00a0PORTO \u00a0\u00a0 Bogot\u00e1, \u00a0D. C., veinticinco (25) de febrero \u00a0de dos mil nueve (2009). \u00a0\u00a0 La Sala Plena de la Corte Constitucional, en \u00a0ejercicio \u00a0de sus atribuciones constitucionales, en especial las previstas en el \u00a0art\u00edculo \u00a0241 \u00a0numeral \u00a07 \u00a0de la Constituci\u00f3n Pol\u00edtica, y cumplidos todos los \u00a0tr\u00e1mites \u00a0y requisitos establecidos en el Decreto 2067 de 1991, ha proferido la \u00a0siguiente ...<br \/><div class=\"pt-cv-rmwrap\"><a href=\"https:\/\/www.dmsjuridica.com\/buscador_20179478954\/corteconstitucionalcronologico202454587\/c-135-09\/\" class=\"_self pt-cv-readmore btn btn-success\" target=\"_self\">Ver Sentencia Completa...<\/a><\/div><\/div><\/div><\/div>\n<div class=\"col-md-12 col-sm-12 col-xs-12 pt-cv-content-item pt-cv-1-col\" ><div class='pt-cv-ifield'><a href=\"https:\/\/www.dmsjuridica.com\/buscador_20179478954\/corteconstitucionalcronologico202454587\/c-134-09\/\" class=\"_self pt-cv-href-thumbnail pt-cv-thumb-default\" target=\"_self\" ><\/a>\n<div class=\"pt-cv-taxoterm above_title\"><a href='https:\/\/www.dmsjuridica.com\/buscador_20179478954\/corteconstitucionalcronologico202454587\/category\/buscar-en-toda-la-corte\/2009\/sentencias-2009\/' title='Sentencias 2009' class='pt-cv-tax-sentencias-2009'>Sentencias 2009<\/a><\/div>\n<h4 class=\"pt-cv-title\"><a href=\"https:\/\/www.dmsjuridica.com\/buscador_20179478954\/corteconstitucionalcronologico202454587\/c-134-09\/\" class=\"_self\" target=\"_self\" >C-134-09<\/a><\/h4>\n<div class=\"pt-cv-content\">\u00a0 \u00a0 Sentencia C-134-09 \u00a0 (Bogot\u00e1 DC, febrero 25) \u00a0 Referencia: \u00a0Expediente No. D-7371 \u00a0\u00a0 Demanda \u00a0de \u00a0inconstitucionalidad: \u00a0de \u00a0los \u00a0art\u00edculos \u00a087 (parcial) y 111 (parcial) del Decreto-ley \u00a0356 \u00a0de \u00a01994 \u00a0\u201cpor el cual se expide el estatuto de \u00a0vigilancia y seguridad privada\u201d. \u00a0\u00a0 Demandante: \u00a0Miguel \u00a0Andr\u00e9s Ariza Abril. \u00a0\u00a0 Magistrado \u00a0Ponente: \u00a0Mauricio Gonz\u00e1lez Cuervo. \u00a0\u00a0 I. ANTECEDENTES. \u00a0 1. Norma demandada. \u00a0 El demandante solicita la inexequilidad de las \u00a0siguientes \u00a0 \u00a0 \u00a0 \u00a0 \u00a0 \u00a0 \u00a0 \u00a0 \u00a0 normas1 \u00a0 (los \u00a0 apartes \u00a0demandados, \u00a0subrayados): \u00a0\u00a0 DECRETO 356 DE 1994 \u00a0 (febrero 11) \u00a0 \u201cPor el cual se ...<br \/><div class=\"pt-cv-rmwrap\"><a href=\"https:\/\/www.dmsjuridica.com\/buscador_20179478954\/corteconstitucionalcronologico202454587\/c-134-09\/\" class=\"_self pt-cv-readmore btn btn-success\" target=\"_self\">Ver Sentencia Completa...<\/a><\/div><\/div><\/div><\/div>\n<div class=\"col-md-12 col-sm-12 col-xs-12 pt-cv-content-item pt-cv-1-col\" ><div class='pt-cv-ifield'><a href=\"https:\/\/www.dmsjuridica.com\/buscador_20179478954\/corteconstitucionalcronologico202454587\/c-133-09\/\" class=\"_self pt-cv-href-thumbnail pt-cv-thumb-default\" target=\"_self\" ><\/a>\n<div class=\"pt-cv-taxoterm above_title\"><a href='https:\/\/www.dmsjuridica.com\/buscador_20179478954\/corteconstitucionalcronologico202454587\/category\/buscar-en-toda-la-corte\/2009\/sentencias-2009\/' title='Sentencias 2009' class='pt-cv-tax-sentencias-2009'>Sentencias 2009<\/a><\/div>\n<h4 class=\"pt-cv-title\"><a href=\"https:\/\/www.dmsjuridica.com\/buscador_20179478954\/corteconstitucionalcronologico202454587\/c-133-09\/\" class=\"_self\" target=\"_self\" >C-133-09<\/a><\/h4>\n<div class=\"pt-cv-content\">\u00a0 \u00a0 Sentencia \u00a0C-133-09 \u00a0\u00a0 Referencia: expediente D-7385 \u00a0 Demandante: \u00a0 Francisco \u00a0 Jos\u00e9 \u00a0 Vergara \u00a0Carulla. \u00a0\u00a0 Magistrado Ponente: \u00a0 Dr. JAIME ARA\u00daJO RENTER\u00cdA \u00a0 Bogot\u00e1, \u00a0D.C., \u00a0veinticinco \u00a0(25) \u00a0de \u00a0febrero de dos mil \u00a0nueve (2009). \u00a0\u00a0 La \u00a0Sala Plena de la Corte Constitucional, en \u00a0cumplimiento \u00a0de \u00a0sus \u00a0atribuciones \u00a0constitucionales \u00a0y \u00a0de \u00a0los \u00a0requisitos \u00a0y \u00a0tr\u00e1mite \u00a0 establecidos \u00a0 en \u00a0 el \u00a0 Decreto \u00a0 2067 \u00a0de \u00a01991, \u00a0ha \u00a0proferido \u00a0la \u00a0siguiente \u00a0\u00a0 S \u00a0E \u00a0N \u00a0T \u00a0E \u00a0N \u00a0C \u00a0I \u00a0A \u00a0\u00a0 I. ANTECEDENTES \u00a0 En \u00a0ejercicio \u00a0de \u00a0la \u00a0acci\u00f3n \u00a0p\u00fablica \u00a0de \u00a0inconstitucionalidad, \u00a0el \u00a0ciudadano \u00a0Jos\u00e9 Francisco Vergara ...<br \/><div class=\"pt-cv-rmwrap\"><a href=\"https:\/\/www.dmsjuridica.com\/buscador_20179478954\/corteconstitucionalcronologico202454587\/c-133-09\/\" class=\"_self pt-cv-readmore btn btn-success\" target=\"_self\">Ver Sentencia Completa...<\/a><\/div><\/div><\/div><\/div>\n<div class=\"col-md-12 col-sm-12 col-xs-12 pt-cv-content-item pt-cv-1-col\" ><div class='pt-cv-ifield'><a href=\"https:\/\/www.dmsjuridica.com\/buscador_20179478954\/corteconstitucionalcronologico202454587\/c-132-09\/\" class=\"_self pt-cv-href-thumbnail pt-cv-thumb-default\" target=\"_self\" ><\/a>\n<div class=\"pt-cv-taxoterm above_title\"><a href='https:\/\/www.dmsjuridica.com\/buscador_20179478954\/corteconstitucionalcronologico202454587\/category\/buscar-en-toda-la-corte\/2009\/sentencias-2009\/' title='Sentencias 2009' class='pt-cv-tax-sentencias-2009'>Sentencias 2009<\/a><\/div>\n<h4 class=\"pt-cv-title\"><a href=\"https:\/\/www.dmsjuridica.com\/buscador_20179478954\/corteconstitucionalcronologico202454587\/c-132-09\/\" class=\"_self\" target=\"_self\" >C-132-09<\/a><\/h4>\n<div class=\"pt-cv-content\">\u00a0 \u00a0 Sentencia C-132-09 \u00a0 Referencia: expediente D-7381. \u00a0 Demanda \u00a0de \u00a0inconstitucionalidad \u00a0contra \u00a0el \u00a0art\u00edculo \u00a09\u00b0 \u00a0de \u00a0la Ley 117 de 1994, \u201cPor \u00a0la \u00a0cual \u00a0se \u00a0crea \u00a0la \u00a0cuota \u00a0de fomento av\u00edcola y se dictan \u00a0normas \u00a0 \u00a0 \u00a0sobre \u00a0 \u00a0 \u00a0su \u00a0 \u00a0 \u00a0recaudo \u00a0 \u00a0 \u00a0y \u00a0 \u00a0 administraci\u00f3n\u201d. \u00a0\u00a0 Demandante: \u00a0 Juan \u00a0 de \u00a0 Dios \u00a0 Boh\u00f3rquez \u00a0Saiz. \u00a0\u00a0 Magistrado Ponente: \u00a0 Dr. Nilson Pinilla \u00a0Pinilla. \u00a0\u00a0 Bogot\u00e1, D. C., febrero veinticuatro (24) de \u00a0dos mil nueve (2009).\u00a0\u00a0 \u00a0\u00a0 La Sala Plena de la Corte Constitucional, en \u00a0cumplimiento \u00a0de \u00a0sus \u00a0atribuciones \u00a0constitucionales \u00a0y \u00a0de \u00a0los \u00a0requisitos ...<br \/><div class=\"pt-cv-rmwrap\"><a href=\"https:\/\/www.dmsjuridica.com\/buscador_20179478954\/corteconstitucionalcronologico202454587\/c-132-09\/\" class=\"_self pt-cv-readmore btn btn-success\" target=\"_self\">Ver Sentencia Completa...<\/a><\/div><\/div><\/div><\/div>\n<div class=\"col-md-12 col-sm-12 col-xs-12 pt-cv-content-item pt-cv-1-col\" ><div class='pt-cv-ifield'><a href=\"https:\/\/www.dmsjuridica.com\/buscador_20179478954\/corteconstitucionalcronologico202454587\/c-131-09\/\" class=\"_self pt-cv-href-thumbnail pt-cv-thumb-default\" target=\"_self\" ><\/a>\n<div class=\"pt-cv-taxoterm above_title\"><a href='https:\/\/www.dmsjuridica.com\/buscador_20179478954\/corteconstitucionalcronologico202454587\/category\/buscar-en-toda-la-corte\/2009\/sentencias-2009\/' title='Sentencias 2009' class='pt-cv-tax-sentencias-2009'>Sentencias 2009<\/a><\/div>\n<h4 class=\"pt-cv-title\"><a href=\"https:\/\/www.dmsjuridica.com\/buscador_20179478954\/corteconstitucionalcronologico202454587\/c-131-09\/\" class=\"_self\" target=\"_self\" >C-131-09<\/a><\/h4>\n<div class=\"pt-cv-content\">\u00a0 \u00a0 Sentencia C-131-09 \u00a0 Referencia:\u00a0expediente D-7361 \u00a0 \u00a0 \u00a0 Demanda \u00a0de \u00a0inconstitucionalidad \u00a0contra los \u00a0art\u00edculos \u00a014, \u00a015 \u00a0(parcial) \u00a0y \u00a016 \u00a0de \u00a0la \u00a0Ley \u00a01142 \u00a0de \u00a02007, \u201cpor \u00a0medio \u00a0de \u00a0la cual se reforman parcialmente las Leyes 906 de \u00a02004, \u00a0599 \u00a0de \u00a02000 \u00a0y \u00a0600 \u00a0de 2000 y se adoptan medidas para la prevenci\u00f3n y \u00a0represi\u00f3n \u00a0de \u00a0la actividad delictiva de especial impacto para la convivencia y \u00a0seguridad ciudadana\u201d \u00a0\u00a0 \u00a0 \u00a0 Demandantes: \u00a0 Gustavo \u00a0 Gall\u00f3n \u00a0 Giraldo \u00a0\u00a0 \u00a0 \u00a0\u00a0 \u00a0\u00a0 \u00a0\u00a0 \u00a0\u00a0 \u00a0\u00a0 \u00a0 \u00a0Camilo Mej\u00eda \u00a0G\u00f3mez \u00a0\u00a0 \u00a0 \u00a0\u00a0 \u00a0\u00a0 \u00a0\u00a0 \u00a0\u00a0 \u00a0 \u00a0 \u00a0 \u00a0 ...<br \/><div class=\"pt-cv-rmwrap\"><a href=\"https:\/\/www.dmsjuridica.com\/buscador_20179478954\/corteconstitucionalcronologico202454587\/c-131-09\/\" class=\"_self pt-cv-readmore btn btn-success\" target=\"_self\">Ver Sentencia Completa...<\/a><\/div><\/div><\/div><\/div>\n<div class=\"col-md-12 col-sm-12 col-xs-12 pt-cv-content-item pt-cv-1-col\" ><div class='pt-cv-ifield'><a href=\"https:\/\/www.dmsjuridica.com\/buscador_20179478954\/corteconstitucionalcronologico202454587\/c-1157-08-2\/\" class=\"_self pt-cv-href-thumbnail pt-cv-thumb-default\" target=\"_self\" ><\/a>\n<div class=\"pt-cv-taxoterm above_title\"><a href='https:\/\/www.dmsjuridica.com\/buscador_20179478954\/corteconstitucionalcronologico202454587\/category\/buscar-en-toda-la-corte\/2009\/sentencias-2009\/' title='Sentencias 2009' class='pt-cv-tax-sentencias-2009'>Sentencias 2009<\/a><\/div>\n<h4 class=\"pt-cv-title\"><a href=\"https:\/\/www.dmsjuridica.com\/buscador_20179478954\/corteconstitucionalcronologico202454587\/c-1157-08-2\/\" class=\"_self\" target=\"_self\" >C-1157-08<\/a><\/h4>\n<div class=\"pt-cv-content\">\u00a0 \u00a0 Sentencia C-1157\/08 \u00a0 COSA \u00a0 JUZGADA \u00a0CONSTITUCIONAL-Configuraci\u00f3n \u00a0\u00a0 Referencia: expediente D-7304 \u00a0 Demanda \u00a0de \u00a0inconstitucionalidad \u00a0contra \u00a0el \u00a0numeral \u00a04 del art\u00edculo 9 y el art\u00edculo 12 de la Ley 1153 de 2007 \u201cPor \u00a0medio \u00a0de \u00a0la \u00a0cual \u00a0se \u00a0establece \u00a0el \u00a0tratamiento \u00a0de las \u00a0peque\u00f1as causas en materia penal\u201d. \u00a0\u00a0 Actor: Jorge Toledo Rivas. \u00a0 Magistrado Ponente: \u00a0 Dr. RODRIGO ESCOBAR GIL \u00a0 Bogot\u00e1, \u00a0D.C.,\u00a0 \u00a0veintis\u00e9is \u00a0(26) \u00a0de \u00a0noviembre de dos mil ocho (2008). \u00a0\u00a0 La \u00a0Sala Plena de la Corte Constitucional, en \u00a0cumplimiento \u00a0de \u00a0sus \u00a0atribuciones \u00a0constitucionales \u00a0y \u00a0de \u00a0los \u00a0requisitos \u00a0y \u00a0tr\u00e1mite \u00a0 establecidos \u00a0 en \u00a0 ...<br \/><div class=\"pt-cv-rmwrap\"><a href=\"https:\/\/www.dmsjuridica.com\/buscador_20179478954\/corteconstitucionalcronologico202454587\/c-1157-08-2\/\" class=\"_self pt-cv-readmore btn btn-success\" target=\"_self\">Ver Sentencia Completa...<\/a><\/div><\/div><\/div><\/div>\n<div class=\"col-md-12 col-sm-12 col-xs-12 pt-cv-content-item pt-cv-1-col\" ><div class='pt-cv-ifield'><a href=\"https:\/\/www.dmsjuridica.com\/buscador_20179478954\/corteconstitucionalcronologico202454587\/c-094-09\/\" class=\"_self pt-cv-href-thumbnail pt-cv-thumb-default\" target=\"_self\" ><\/a>\n<div class=\"pt-cv-taxoterm above_title\"><a href='https:\/\/www.dmsjuridica.com\/buscador_20179478954\/corteconstitucionalcronologico202454587\/category\/buscar-en-toda-la-corte\/2009\/sentencias-2009\/' title='Sentencias 2009' class='pt-cv-tax-sentencias-2009'>Sentencias 2009<\/a><\/div>\n<h4 class=\"pt-cv-title\"><a href=\"https:\/\/www.dmsjuridica.com\/buscador_20179478954\/corteconstitucionalcronologico202454587\/c-094-09\/\" class=\"_self\" target=\"_self\" >C-094-09<\/a><\/h4>\n<div class=\"pt-cv-content\">\u00a0 \u00a0 Sentencia C-094-09 \u00a0 Referencia: expediente LAT-337 \u00a0 Revisi\u00f3n \u00a0Constitucional \u00a0del \u00a0\"Memorando \u00a0 de \u00a0 Entendimiento \u00a0 entre \u00a0 el \u00a0Gobierno \u00a0de \u00a0Australia \u00a0\u00a0 y \u00a0el Gobierno de Colombia sobre Cooperaci\u00f3n \u00a0en \u00a0el \u00a0campo \u00a0de \u00a0la \u00a0Educaci\u00f3n \u00a0y la Capacitaci\u00f3n\", \u00a0suscrito \u00a0el \u00a0seis \u00a0(6) \u00a0de Agosto de 2002, y de la Ley 1226 de 2008 aprobatoria \u00a0del mismo. \u00a0\u00a0 Magistrada Ponente (E): \u00a0 Dra. CLARA ELENA REALES GUTI\u00c9RREZ \u00a0 Bogot\u00e1, \u00a0D.C., \u00a0dieciocho \u00a0(18) \u00a0de\u00a0 \u00a0febrero de dos mil nueve (2009) \u00a0\u00a0 La Sala Plena de la Corte Constitucional, en \u00a0cumplimiento \u00a0de \u00a0sus \u00a0atribuciones \u00a0constitucionales \u00a0y \u00a0de \u00a0los \u00a0requisitos \u00a0y ...<br \/><div class=\"pt-cv-rmwrap\"><a href=\"https:\/\/www.dmsjuridica.com\/buscador_20179478954\/corteconstitucionalcronologico202454587\/c-094-09\/\" class=\"_self pt-cv-readmore btn btn-success\" target=\"_self\">Ver Sentencia Completa...<\/a><\/div><\/div><\/div><\/div>\n<div class=\"col-md-12 col-sm-12 col-xs-12 pt-cv-content-item pt-cv-1-col\" ><div class='pt-cv-ifield'><a href=\"https:\/\/www.dmsjuridica.com\/buscador_20179478954\/corteconstitucionalcronologico202454587\/c-073-09\/\" class=\"_self pt-cv-href-thumbnail pt-cv-thumb-default\" target=\"_self\" ><\/a>\n<div class=\"pt-cv-taxoterm above_title\"><a href='https:\/\/www.dmsjuridica.com\/buscador_20179478954\/corteconstitucionalcronologico202454587\/category\/buscar-en-toda-la-corte\/2009\/sentencias-2009\/' title='Sentencias 2009' class='pt-cv-tax-sentencias-2009'>Sentencias 2009<\/a><\/div>\n<h4 class=\"pt-cv-title\"><a href=\"https:\/\/www.dmsjuridica.com\/buscador_20179478954\/corteconstitucionalcronologico202454587\/c-073-09\/\" class=\"_self\" target=\"_self\" >C-073-09<\/a><\/h4>\n<div class=\"pt-cv-content\">\u00a0 \u00a0 SENTENCIA C-073-09 \u00a0 (Bogot\u00e1 D.C., febrero 12) \u00a0 Referencia: \u00a0Expediente RE-135. \u00a0\u00a0 \u00a0 \u00a0\u00a0 \u00a0\u00a0 \u00a0 \u00a0\u00a0 Control \u00a0 \u00a0 \u00a0 autom\u00e1tico \u00a0 \u00a0 \u00a0 de \u00a0constitucionalidad: \u00a0del \u00a0Decreto Legislativo 3990 del \u00a016 \u00a0de octubre de 2008, \u201cPor \u00a0el \u00a0cual \u00a0se \u00a0otorgan \u00a0facultades \u00a0a \u00a0la \u00a0Sala \u00a0Administrativa \u00a0y Jurisdiccional \u00a0Disciplinaria \u00a0 del \u00a0Consejo \u00a0Superior \u00a0de \u00a0la \u00a0Judicatura \u00a0y \u00a0se \u00a0dictan \u00a0otras \u00a0disposiciones\u201d \u00a0(expedido en desarrollo del Decreto \u00a0Legislativo \u00a03929 \u00a0de \u00a02008, \u00a0por \u00a0medio \u00a0del \u00a0cual \u00a0se \u00a0declar\u00f3 \u00a0el \u00a0estado de \u00a0conmoci\u00f3n interior). \u00a0\u00a0 Magistrado \u00a0Ponente: \u00a0Mauricio Gonz\u00e1lez Cuervo. \u00a0\u00a0 I. ANTECEDENTES \u00a0 1. \u00a0Texto \u00a0del \u00a0Decreto \u00a0Legislativo \u00a03990 ...<br \/><div class=\"pt-cv-rmwrap\"><a href=\"https:\/\/www.dmsjuridica.com\/buscador_20179478954\/corteconstitucionalcronologico202454587\/c-073-09\/\" class=\"_self pt-cv-readmore btn btn-success\" target=\"_self\">Ver Sentencia Completa...<\/a><\/div><\/div><\/div><\/div>\n<div class=\"col-md-12 col-sm-12 col-xs-12 pt-cv-content-item pt-cv-1-col\" ><div class='pt-cv-ifield'><a href=\"https:\/\/www.dmsjuridica.com\/buscador_20179478954\/corteconstitucionalcronologico202454587\/c-072-09\/\" class=\"_self pt-cv-href-thumbnail pt-cv-thumb-default\" target=\"_self\" ><\/a>\n<div class=\"pt-cv-taxoterm above_title\"><a href='https:\/\/www.dmsjuridica.com\/buscador_20179478954\/corteconstitucionalcronologico202454587\/category\/buscar-en-toda-la-corte\/2009\/sentencias-2009\/' title='Sentencias 2009' class='pt-cv-tax-sentencias-2009'>Sentencias 2009<\/a><\/div>\n<h4 class=\"pt-cv-title\"><a href=\"https:\/\/www.dmsjuridica.com\/buscador_20179478954\/corteconstitucionalcronologico202454587\/c-072-09\/\" class=\"_self\" target=\"_self\" >C-072-09<\/a><\/h4>\n<div class=\"pt-cv-content\">\u00a0 \u00a0 Sentencia C-072-09 \u00a0 Referencia: expediente RE-134. \u00a0 Revisi\u00f3n constitucional del Decreto 3955 del \u00a011 \u00a0de octubre de 2008, \u201cPor \u00a0el \u00a0cual \u00a0se otorgan facultades a la Sala Administrativa del Consejo Superior de \u00a0la Judicatura y se dictan otras disposiciones\u201d. \u00a0\u00a0 Magistrado Ponente: \u00a0 Dr. \u00a0Nilson Pinilla \u00a0Pinilla. \u00a0\u00a0 Bogot\u00e1, \u00a0D. C., febrero doce (12) de dos mil \u00a0nueve (2009). \u00a0\u00a0 La Sala Plena de la Corte Constitucional, en \u00a0cumplimiento \u00a0de sus atribuciones constitucionales y legales y de los requisitos \u00a0y \u00a0 tr\u00e1mite \u00a0 establecidos \u00a0en \u00a0el \u00a0Decreto \u00a02067 \u00a0de \u00a01991, \u00a0ha \u00a0proferido \u00a0la \u00a0siguiente \u00a0\u00a0 SENTENCIA \u00a0 I ...<br \/><div class=\"pt-cv-rmwrap\"><a href=\"https:\/\/www.dmsjuridica.com\/buscador_20179478954\/corteconstitucionalcronologico202454587\/c-072-09\/\" class=\"_self pt-cv-readmore btn btn-success\" target=\"_self\">Ver Sentencia Completa...<\/a><\/div><\/div><\/div><\/div>\n<div class=\"col-md-12 col-sm-12 col-xs-12 pt-cv-content-item pt-cv-1-col\" ><div class='pt-cv-ifield'><a href=\"https:\/\/www.dmsjuridica.com\/buscador_20179478954\/corteconstitucionalcronologico202454587\/c-071-09\/\" class=\"_self pt-cv-href-thumbnail pt-cv-thumb-default\" target=\"_self\" ><\/a>\n<div class=\"pt-cv-taxoterm above_title\"><a href='https:\/\/www.dmsjuridica.com\/buscador_20179478954\/corteconstitucionalcronologico202454587\/category\/buscar-en-toda-la-corte\/2009\/sentencias-2009\/' title='Sentencias 2009' class='pt-cv-tax-sentencias-2009'>Sentencias 2009<\/a><\/div>\n<h4 class=\"pt-cv-title\"><a href=\"https:\/\/www.dmsjuridica.com\/buscador_20179478954\/corteconstitucionalcronologico202454587\/c-071-09\/\" class=\"_self\" target=\"_self\" >C-071-09<\/a><\/h4>\n<div class=\"pt-cv-content\">\u00a0 \u00a0 \u00a0\u00a0 SENTENCIA C-071-09 \u00a0 Referencia: \u00a0expediente RE-133. \u00a0\u00a0 \u00a0 \u00a0\u00a0 \u00a0\u00a0 \u00a0 \u00a0\u00a0 Control \u00a0 \u00a0 \u00a0 autom\u00e1tico \u00a0 \u00a0 \u00a0 de \u00a0constitucionalidad: \u00a0Decreto Legislativo 3930 del 9 de \u00a0octubre \u00a0de \u00a02008, \u00a0\u201cPor el \u00a0cual \u00a0 se \u00a0 otorgan \u00a0 facultades \u00a0a \u00a0la \u00a0Sala \u00a0Administrativa \u00a0y \u00a0Jurisdiccional \u00a0Disciplinaria \u00a0 del \u00a0Consejo \u00a0Superior \u00a0de \u00a0la \u00a0Judicatura \u00a0y \u00a0se \u00a0dictan \u00a0otras \u00a0disposiciones\u201d \u00a0(expedido en desarrollo del Decreto \u00a0Legislativo \u00a03929 \u00a0de \u00a02008, \u00a0por \u00a0medio \u00a0del \u00a0cual \u00a0se \u00a0declar\u00f3 \u00a0el \u00a0estado de \u00a0conmoci\u00f3n interior). \u00a0\u00a0 Magistrado Ponente: \u00a0 Dr.\u00a0 \u00a0MAURICIO \u00a0GONZALEZ CUERVO. \u00a0\u00a0 Bogot\u00e1 \u00a0D. \u00a0C. \u00a0doce \u00a0(12) \u00a0de \u00a0Febrero \u00a0de dos ...<br \/><div class=\"pt-cv-rmwrap\"><a href=\"https:\/\/www.dmsjuridica.com\/buscador_20179478954\/corteconstitucionalcronologico202454587\/c-071-09\/\" class=\"_self pt-cv-readmore btn btn-success\" target=\"_self\">Ver Sentencia Completa...<\/a><\/div><\/div><\/div><\/div>\n<div class=\"col-md-12 col-sm-12 col-xs-12 pt-cv-content-item pt-cv-1-col\" ><div class='pt-cv-ifield'><a href=\"https:\/\/www.dmsjuridica.com\/buscador_20179478954\/corteconstitucionalcronologico202454587\/c-070-09\/\" class=\"_self pt-cv-href-thumbnail pt-cv-thumb-default\" target=\"_self\" ><\/a>\n<div class=\"pt-cv-taxoterm above_title\"><a href='https:\/\/www.dmsjuridica.com\/buscador_20179478954\/corteconstitucionalcronologico202454587\/category\/buscar-en-toda-la-corte\/2009\/sentencias-2009\/' title='Sentencias 2009' class='pt-cv-tax-sentencias-2009'>Sentencias 2009<\/a><\/div>\n<h4 class=\"pt-cv-title\"><a href=\"https:\/\/www.dmsjuridica.com\/buscador_20179478954\/corteconstitucionalcronologico202454587\/c-070-09\/\" class=\"_self\" target=\"_self\" >C-070-09<\/a><\/h4>\n<div class=\"pt-cv-content\">\u00a0 \u00a0 Sentencia \u00a0C-070-09 \u00a0\u00a0 Referencia: expediente RE-132 \u00a0 Revisi\u00f3n \u00a0de \u00a0constitucionalidad del Decreto \u00a03929 \u00a0de \u00a0nueve \u00a0(09) de octubre de 2008 \u201cPor el cual \u00a0se declara el estado de conmoci\u00f3n interior\u201d. \u00a0\u00a0 Magistrados \u00a0 Ponentes \u00a0\u00a0 Dr. HUMBERTO ANTONIO SIERRA PORTO \u00a0 Dra. CLARA ELENA REALES GUTIERREZ \u00a0 Bogot\u00e1, \u00a0D. \u00a0C., \u00a0doce \u00a0(12) \u00a0febrero \u00a0de \u00a0dos \u00a0mil nueve \u00a0(2009) \u00a0\u00a0 La Sala Plena de la Corte Constitucional, en \u00a0ejercicio \u00a0de sus atribuciones constitucionales, en especial las previstas en el \u00a0art\u00edculo \u00a0241 \u00a0numeral \u00a07 \u00a0de la Constituci\u00f3n Pol\u00edtica, y cumplidos todos los \u00a0tr\u00e1mites \u00a0y requisitos establecidos en el Decreto 2067 ...<br \/><div class=\"pt-cv-rmwrap\"><a href=\"https:\/\/www.dmsjuridica.com\/buscador_20179478954\/corteconstitucionalcronologico202454587\/c-070-09\/\" class=\"_self pt-cv-readmore btn btn-success\" target=\"_self\">Ver Sentencia Completa...<\/a><\/div><\/div><\/div><\/div>\n<div class=\"col-md-12 col-sm-12 col-xs-12 pt-cv-content-item pt-cv-1-col\" ><div class='pt-cv-ifield'><a href=\"https:\/\/www.dmsjuridica.com\/buscador_20179478954\/corteconstitucionalcronologico202454587\/c-069-09\/\" class=\"_self pt-cv-href-thumbnail pt-cv-thumb-default\" target=\"_self\" ><\/a>\n<div class=\"pt-cv-taxoterm above_title\"><a href='https:\/\/www.dmsjuridica.com\/buscador_20179478954\/corteconstitucionalcronologico202454587\/category\/buscar-en-toda-la-corte\/2009\/sentencias-2009\/' title='Sentencias 2009' class='pt-cv-tax-sentencias-2009'>Sentencias 2009<\/a><\/div>\n<h4 class=\"pt-cv-title\"><a href=\"https:\/\/www.dmsjuridica.com\/buscador_20179478954\/corteconstitucionalcronologico202454587\/c-069-09\/\" class=\"_self\" target=\"_self\" >C-069-09<\/a><\/h4>\n<div class=\"pt-cv-content\">\u00a0 \u00a0 Sentencia C-069-09 \u00a0 Referencia: expediente D-7318 \u00a0 Demanda \u00a0de \u00a0inconstitucionalidad \u00a0contra \u00a0el \u00a0art\u00edculo \u00a0371 \u00a0(parcial) de la Ley 906 de 2004, \u201cpor \u00a0la \u00a0 \u00a0cual \u00a0 se \u00a0 expide \u00a0 el \u00a0 C\u00f3digo \u00a0 de \u00a0 Procedimiento \u00a0 Penal\u201d. \u00a0\u00a0 Magistrada Ponente: \u00a0 Dr. CLARA IN\u00c9S VARGAS HERN\u00c1NDEZ \u00a0 Bogot\u00e1, D.C., diez (10) de febrero de dos mil \u00a0nueve (2009) \u00a0\u00a0 La \u00a0Sala Plena de la Corte Constitucional, en \u00a0cumplimiento \u00a0de \u00a0sus \u00a0atribuciones \u00a0constitucionales \u00a0y \u00a0de \u00a0los \u00a0requisitos \u00a0y \u00a0tr\u00e1mite \u00a0 \u00a0establecidos \u00a0 en \u00a0 el \u00a0 Decreto \u00a0 2067 \u00a0 de \u00a0 1991, \u00a0 profiere \u00a0 la ...<br \/><div class=\"pt-cv-rmwrap\"><a href=\"https:\/\/www.dmsjuridica.com\/buscador_20179478954\/corteconstitucionalcronologico202454587\/c-069-09\/\" class=\"_self pt-cv-readmore btn btn-success\" target=\"_self\">Ver Sentencia Completa...<\/a><\/div><\/div><\/div><\/div>\n<div class=\"col-md-12 col-sm-12 col-xs-12 pt-cv-content-item pt-cv-1-col\" ><div class='pt-cv-ifield'><a href=\"https:\/\/www.dmsjuridica.com\/buscador_20179478954\/corteconstitucionalcronologico202454587\/c-068-09\/\" class=\"_self pt-cv-href-thumbnail pt-cv-thumb-default\" target=\"_self\" ><\/a>\n<div class=\"pt-cv-taxoterm above_title\"><a href='https:\/\/www.dmsjuridica.com\/buscador_20179478954\/corteconstitucionalcronologico202454587\/category\/buscar-en-toda-la-corte\/2009\/sentencias-2009\/' title='Sentencias 2009' class='pt-cv-tax-sentencias-2009'>Sentencias 2009<\/a><\/div>\n<h4 class=\"pt-cv-title\"><a href=\"https:\/\/www.dmsjuridica.com\/buscador_20179478954\/corteconstitucionalcronologico202454587\/c-068-09\/\" class=\"_self\" target=\"_self\" >C-068-09<\/a><\/h4>\n<div class=\"pt-cv-content\">\u00a0 \u00a0 \u00a0\u00a0 SENTENCIA C-068-09 \u00a0 (Febrero 10, Bogot\u00e1 D.C.) \u00a0 Referencia: \u00a0Expediente D-7345 \u00a0\u00a0 Demanda \u00a0de \u00a0inconstitucionalidad \u00a0contra \u00a0el \u00a0art\u00edculo 8\u00ba (parcial) de la Ley 1\u00aa de 1991. \u00a0\u00a0 Actor: Grenfieth de \u00a0Jes\u00fas Sierra Cadena \u00a0\u00a0 \u00a0 \u00a0\u00a0 \u00a0\u00a0 \u00a0\u00a0 \u00a0 \u00a0 \u00a0 \u00a0Magistrado \u00a0 Ponente: \u00a0Mauricio \u00a0Gonz\u00e1lez \u00a0Cuervo. \u00a0\u00a0 I. ANTECEDENTES \u00a0 1. Texto demandado. \u00a0 Con \u00a0las \u00a0subrayas \u00a0en la transcripci\u00f3n del \u00a0art\u00edculo \u00a08\u00ba \u00a0de \u00a0la \u00a0Ley 1\u00aa de 1991 cuyo texto, seg\u00fan su publicaci\u00f3n en el \u00a0Diario \u00a0Oficial \u00a0No. 39626 de \u00a01991 (11 de enero), es el siguiente: \u00a0\u00a0 \u00abLEY \u00a0 No. \u00a0 01 \u00a0 DE ...<br \/><div class=\"pt-cv-rmwrap\"><a href=\"https:\/\/www.dmsjuridica.com\/buscador_20179478954\/corteconstitucionalcronologico202454587\/c-068-09\/\" class=\"_self pt-cv-readmore btn btn-success\" target=\"_self\">Ver Sentencia Completa...<\/a><\/div><\/div><\/div><\/div>\n<div class=\"col-md-12 col-sm-12 col-xs-12 pt-cv-content-item pt-cv-1-col\" ><div class='pt-cv-ifield'><a href=\"https:\/\/www.dmsjuridica.com\/buscador_20179478954\/corteconstitucionalcronologico202454587\/c-036-09\/\" class=\"_self pt-cv-href-thumbnail pt-cv-thumb-default\" target=\"_self\" ><\/a>\n<div class=\"pt-cv-taxoterm above_title\"><a href='https:\/\/www.dmsjuridica.com\/buscador_20179478954\/corteconstitucionalcronologico202454587\/category\/buscar-en-toda-la-corte\/2009\/sentencias-2009\/' title='Sentencias 2009' class='pt-cv-tax-sentencias-2009'>Sentencias 2009<\/a><\/div>\n<h4 class=\"pt-cv-title\"><a href=\"https:\/\/www.dmsjuridica.com\/buscador_20179478954\/corteconstitucionalcronologico202454587\/c-036-09\/\" class=\"_self\" target=\"_self\" >C-036-09<\/a><\/h4>\n<div class=\"pt-cv-content\">\u00a0 \u00a0 Sentencia C-036-09 \u00a0 Referencia: expediente OP-105 \u00a0 Asunto: \u00a0 Objeciones \u00a0 Presidenciales \u00a0 por \u00a0inconstitucionalidad \u00a0al \u00a0Proyecto \u00a0de \u00a0Ley \u00a0N\u00b0 \u00a0207\/07 Senado, 192\/06 C\u00e1mara, \u00a0\u201cPor \u00a0la cual se reglamenta la atenci\u00f3n integral de \u00a0los \u00a0ni\u00f1os \u00a0y \u00a0las \u00a0ni\u00f1as \u00a0de la primera infancia de los sectores clasificados \u00a0como 1, 2 y 3 del Sisb\u00e9n\u201d. \u00a0\u00a0 Magistrado Ponente: \u00a0 Dr. \u00a0 RODRIGO \u00a0ESCOBAR \u00a0GIL \u00a0\u00a0 Bogot\u00e1, D.C.,\u00a0 veintisiete (27) de enero \u00a0de dos mil nueve (2009) \u00a0\u00a0 La \u00a0Sala Plena de la Corte Constitucional, en \u00a0cumplimiento \u00a0de \u00a0sus \u00a0atribuciones \u00a0constitucionales \u00a0y \u00a0de \u00a0los \u00a0requisitos \u00a0y \u00a0tr\u00e1mite \u00a0establecidos \u00a0en \u00a0el \u00a0Decreto ...<br \/><div class=\"pt-cv-rmwrap\"><a href=\"https:\/\/www.dmsjuridica.com\/buscador_20179478954\/corteconstitucionalcronologico202454587\/c-036-09\/\" class=\"_self pt-cv-readmore btn btn-success\" target=\"_self\">Ver Sentencia Completa...<\/a><\/div><\/div><\/div><\/div>\n<div class=\"col-md-12 col-sm-12 col-xs-12 pt-cv-content-item pt-cv-1-col\" ><div class='pt-cv-ifield'><a href=\"https:\/\/www.dmsjuridica.com\/buscador_20179478954\/corteconstitucionalcronologico202454587\/c-035-09\/\" class=\"_self pt-cv-href-thumbnail pt-cv-thumb-default\" target=\"_self\" ><\/a>\n<div class=\"pt-cv-taxoterm above_title\"><a href='https:\/\/www.dmsjuridica.com\/buscador_20179478954\/corteconstitucionalcronologico202454587\/category\/buscar-en-toda-la-corte\/2009\/sentencias-2009\/' title='Sentencias 2009' class='pt-cv-tax-sentencias-2009'>Sentencias 2009<\/a><\/div>\n<h4 class=\"pt-cv-title\"><a href=\"https:\/\/www.dmsjuridica.com\/buscador_20179478954\/corteconstitucionalcronologico202454587\/c-035-09\/\" class=\"_self\" target=\"_self\" >C-035-09<\/a><\/h4>\n<div class=\"pt-cv-content\">\u00a0 \u00a0 Sentencia C- 035-09 \u00a0 Referencia: expediente D-7422 \u00a0 Demanda \u00a0de \u00a0inconstitucionalidad \u00a0contra \u00a0el \u00a0literal \u00a0 b) \u00a0del \u00a0art\u00edculo \u00a0233 \u00a0del \u00a0Decreto \u00a0Extraordinario \u00a01333 \u00a0de \u00a01986, \u00a0\u201cpor \u00a0el \u00a0cual \u00a0se \u00a0expide \u00a0el \u00a0C\u00f3digo \u00a0de R\u00e9gimen \u00a0Municipal\u201d.\u00a0 \u00a0\u00a0 Actor: Marcel Tangarife Torres. \u00a0 Magistrado Ponente: \u00a0 Dr. MARCO GERARDO MONROY CABRA \u00a0 Bogot\u00e1 \u00a0D. \u00a0C., veintisiete (27) de enero de \u00a0dos mil nueve (2009). \u00a0\u00a0 La \u00a0Sala Plena de la Corte Constitucional, en \u00a0cumplimiento \u00a0de \u00a0sus \u00a0atribuciones \u00a0constitucionales \u00a0y \u00a0de \u00a0los \u00a0requisitos \u00a0y \u00a0tr\u00e1mite \u00a0establecidos \u00a0en \u00a0el \u00a0Decreto \u00a02067 \u00a0de 1991, ha proferido la presente \u00a0Sentencia con base en los ...<br \/><div class=\"pt-cv-rmwrap\"><a href=\"https:\/\/www.dmsjuridica.com\/buscador_20179478954\/corteconstitucionalcronologico202454587\/c-035-09\/\" class=\"_self pt-cv-readmore btn btn-success\" target=\"_self\">Ver Sentencia Completa...<\/a><\/div><\/div><\/div><\/div>\n<div class=\"col-md-12 col-sm-12 col-xs-12 pt-cv-content-item pt-cv-1-col\" ><div class='pt-cv-ifield'><a href=\"https:\/\/www.dmsjuridica.com\/buscador_20179478954\/corteconstitucionalcronologico202454587\/c-034-09\/\" class=\"_self pt-cv-href-thumbnail pt-cv-thumb-default\" target=\"_self\" ><\/a>\n<div class=\"pt-cv-taxoterm above_title\"><a href='https:\/\/www.dmsjuridica.com\/buscador_20179478954\/corteconstitucionalcronologico202454587\/category\/buscar-en-toda-la-corte\/2009\/sentencias-2009\/' title='Sentencias 2009' class='pt-cv-tax-sentencias-2009'>Sentencias 2009<\/a><\/div>\n<h4 class=\"pt-cv-title\"><a href=\"https:\/\/www.dmsjuridica.com\/buscador_20179478954\/corteconstitucionalcronologico202454587\/c-034-09\/\" class=\"_self\" target=\"_self\" >C-034-09<\/a><\/h4>\n<div class=\"pt-cv-content\">\u00a0 \u00a0 Sentencia C-034-09 \u00a0 ACCION \u00a0PUBLICA \u00a0DE \u00a0INCONSTITUCIONALIDAD POR \u00a0VICIOS DE FORMA-T\u00e9rmino de caducidad \u00a0\u00a0 DEMANDA DE INCONSTITUCIONALIDAD POR VICIOS DE \u00a0PROCEDIMIENTO \u00a0EN \u00a0LA \u00a0FORMACION \u00a0DE \u00a0LA \u00a0LEY-Car\u00e1cter \u00a0rogado de los cargos \u00a0\u00a0 COSA \u00a0 JUZGADA \u00a0CONSTITUCIONAL-Alcance\/COSA \u00a0 \u00a0 \u00a0 \u00a0 \u00a0 \u00a0JUZGADA \u00a0CONSTITUCIONAL-Valor \u00a0 \u00a0 jur\u00eddico \u00a0 \u00a0 y \u00a0 \u00a0 fuerza \u00a0vinculante\/COSA \u00a0JUZGADA \u00a0CONSTITUCIONAL-Predicable \u00a0 \u00a0 \u00a0 de \u00a0 \u00a0 \u00a0 fallos \u00a0 \u00a0 \u00a0 de \u00a0 \u00a0 \u00a0 exequibilidad \u00a0 \u00a0 \u00a0o \u00a0inexequibilidad\/COSA \u00a0 \u00a0 \u00a0 \u00a0 \u00a0 \u00a0 \u00a0JUZGADA \u00a0CONSTITUCIONAL-Vincula \u00a0 \u00a0 \u00a0a \u00a0 \u00a0 \u00a0todas \u00a0 \u00a0 \u00a0las \u00a0autoridades\/COSA \u00a0JUZGADA \u00a0CONSTITUCIONAL-Limita \u00a0 \u00a0la \u00a0 ...<br \/><div class=\"pt-cv-rmwrap\"><a href=\"https:\/\/www.dmsjuridica.com\/buscador_20179478954\/corteconstitucionalcronologico202454587\/c-034-09\/\" class=\"_self pt-cv-readmore btn btn-success\" target=\"_self\">Ver Sentencia Completa...<\/a><\/div><\/div><\/div><\/div>\n<div class=\"col-md-12 col-sm-12 col-xs-12 pt-cv-content-item pt-cv-1-col\" ><div class='pt-cv-ifield'><a href=\"https:\/\/www.dmsjuridica.com\/buscador_20179478954\/corteconstitucionalcronologico202454587\/c-033-09\/\" class=\"_self pt-cv-href-thumbnail pt-cv-thumb-default\" target=\"_self\" ><\/a>\n<div class=\"pt-cv-taxoterm above_title\"><a href='https:\/\/www.dmsjuridica.com\/buscador_20179478954\/corteconstitucionalcronologico202454587\/category\/buscar-en-toda-la-corte\/2009\/sentencias-2009\/' title='Sentencias 2009' class='pt-cv-tax-sentencias-2009'>Sentencias 2009<\/a><\/div>\n<h4 class=\"pt-cv-title\"><a href=\"https:\/\/www.dmsjuridica.com\/buscador_20179478954\/corteconstitucionalcronologico202454587\/c-033-09\/\" class=\"_self\" target=\"_self\" >C-033-09<\/a><\/h4>\n<div class=\"pt-cv-content\">\u00a0 \u00a0 Sentencia C-033-09 \u00a0 ACCION PUBLICA DE INCONSTITUCIONALIDAD CONTRA \u00a0ACTO LEGISLATIVO-T\u00e9rmino de caducidad \u00a0\u00a0 PRINCIPIO \u00a0DE \u00a0CONSECUTIVIDAD \u00a0EN PROYECTO DE \u00a0ACTO \u00a0LEGISLATIVO Y PROYECTO DE LEY-Alcance \u00a0\u00a0 PRINCIPIO DE IDENTIDAD RELATIVA EN PROYECTO DE \u00a0ACTO \u00a0LEGISLATIVO Y PROYECTO DE LEY-Alcance \u00a0\u00a0 ACTO \u00a0LEGISLATIVO \u00a002 \u00a0DE \u00a02007-Tr\u00e1mite legislativo \u00a0\u00a0 PRINCIPIOS \u00a0DE CONSECUTIVIDAD Y DE IDENTIDAD \u00a0RELATIVA-Contenidos \u00a0\u00a0 En \u00a0virtud del principio de consecutividad, \u00a0los \u00a0proyectos \u00a0de \u00a0ley deben surtir cuatro debates de manera sucesiva, tanto en \u00a0comisiones \u00a0 como \u00a0 en \u00a0 plenarias, \u00a0 salvo \u00a0las \u00a0excepciones \u00a0plasmadas \u00a0en \u00a0la \u00a0Constituci\u00f3n \u00a0y \u00a0la ley; y los acto legislativos ocho debates, ...<br \/><div class=\"pt-cv-rmwrap\"><a href=\"https:\/\/www.dmsjuridica.com\/buscador_20179478954\/corteconstitucionalcronologico202454587\/c-033-09\/\" class=\"_self pt-cv-readmore btn btn-success\" target=\"_self\">Ver Sentencia Completa...<\/a><\/div><\/div><\/div><\/div>\n<div class=\"col-md-12 col-sm-12 col-xs-12 pt-cv-content-item pt-cv-1-col\" ><div class='pt-cv-ifield'><a href=\"https:\/\/www.dmsjuridica.com\/buscador_20179478954\/corteconstitucionalcronologico202454587\/c-032-09\/\" class=\"_self pt-cv-href-thumbnail pt-cv-thumb-default\" target=\"_self\" ><\/a>\n<div class=\"pt-cv-taxoterm above_title\"><a href='https:\/\/www.dmsjuridica.com\/buscador_20179478954\/corteconstitucionalcronologico202454587\/category\/buscar-en-toda-la-corte\/2009\/sentencias-2009\/' title='Sentencias 2009' class='pt-cv-tax-sentencias-2009'>Sentencias 2009<\/a><\/div>\n<h4 class=\"pt-cv-title\"><a href=\"https:\/\/www.dmsjuridica.com\/buscador_20179478954\/corteconstitucionalcronologico202454587\/c-032-09\/\" class=\"_self\" target=\"_self\" >C-032-09<\/a><\/h4>\n<div class=\"pt-cv-content\">\u00a0 \u00a0 Sentencia \u00a0C-032-09 \u00a0\u00a0 PROTOCOLO \u00a0POR \u00a0EL QUE SE ENMIENDA EL ACUERDO \u00a0SOBRE \u00a0LOS ADPIC (ASPECTOS DE LOS DERECHOS DE PROPIEDAD INTELECTUAL RELACIONADOS \u00a0CON EL COMERCIO) \u00a0\u00a0 CONTROL DE CONSTITUCIONALIDAD DE TRATADO Y LEY \u00a0APROBATORIA \u00a0 \u00a0 \u00a0 \u00a0 \u00a0 \u00a0DE \u00a0 \u00a0 \u00a0 \u00a0 \u00a0 TRATADO \u00a0 \u00a0 \u00a0 \u00a0 \u00a0 INTERNACIONAL-Caracter\u00edsticas\/CONTROL \u00a0 \u00a0 \u00a0 \u00a0 DE \u00a0CONSTITUCIONALIDAD \u00a0 \u00a0 DE \u00a0 \u00a0TRATADO \u00a0 \u00a0Y \u00a0 \u00a0LEY \u00a0 \u00a0APROBATORIA \u00a0 \u00a0DE \u00a0 \u00a0TRATADO \u00a0INTERNACIONAL-Excluye \u00a0revisi\u00f3n \u00a0por \u00a0v\u00eda de acci\u00f3n \u00a0p\u00fablica \u00a0de \u00a0inconstitucionalidad\/SENTENCIA DE CONTROL \u00a0DE \u00a0 \u00a0CONSTITUCIONALIDAD \u00a0 \u00a0DE \u00a0 \u00a0TRATADO \u00a0 Y \u00a0 LEY \u00a0 APROBATORIA \u00a0 ...<br \/><div class=\"pt-cv-rmwrap\"><a href=\"https:\/\/www.dmsjuridica.com\/buscador_20179478954\/corteconstitucionalcronologico202454587\/c-032-09\/\" class=\"_self pt-cv-readmore btn btn-success\" target=\"_self\">Ver Sentencia Completa...<\/a><\/div><\/div><\/div><\/div>\n<div class=\"col-md-12 col-sm-12 col-xs-12 pt-cv-content-item pt-cv-1-col\" ><div class='pt-cv-ifield'><a href=\"https:\/\/www.dmsjuridica.com\/buscador_20179478954\/corteconstitucionalcronologico202454587\/c-031-09\/\" class=\"_self pt-cv-href-thumbnail pt-cv-thumb-default\" target=\"_self\" ><\/a>\n<div class=\"pt-cv-taxoterm above_title\"><a href='https:\/\/www.dmsjuridica.com\/buscador_20179478954\/corteconstitucionalcronologico202454587\/category\/buscar-en-toda-la-corte\/2009\/sentencias-2009\/' title='Sentencias 2009' class='pt-cv-tax-sentencias-2009'>Sentencias 2009<\/a><\/div>\n<h4 class=\"pt-cv-title\"><a href=\"https:\/\/www.dmsjuridica.com\/buscador_20179478954\/corteconstitucionalcronologico202454587\/c-031-09\/\" class=\"_self\" target=\"_self\" >C-031-09<\/a><\/h4>\n<div class=\"pt-cv-content\">\u00a0 \u00a0 Sentencia C-031-09 \u00a0 ACUERDO \u00a0DE LIBRE COMERCIO ENTRE LA REPUBLICA \u00a0DE \u00a0COLOMBIA \u00a0Y \u00a0LA \u00a0REPUBLICA \u00a0DE \u00a0CHILE, \u00a0PROTOCOLO \u00a0ADICIONAL \u00a0AL \u00a0ACUERDO DE \u00a0COMPLEMENTACION \u00a0ECONOMICA \u00a0PARA \u00a0EL \u00a0ESTABLECIMIENTO \u00a0DE \u00a0UN \u00a0ESPACIO ECONOMICO \u00a0AMPLIADO ENTRE COLOMBIA Y CHILE (ACE 24) \u00a0\u00a0 CONTROL DE CONSTITUCIONALIDAD DE TRATADO Y LEY \u00a0APROBATORIA \u00a0 \u00a0 \u00a0 \u00a0 \u00a0 \u00a0DE \u00a0 \u00a0 \u00a0 \u00a0 \u00a0 TRATADO \u00a0 \u00a0 \u00a0 \u00a0 \u00a0 INTERNACIONAL-Caracter\u00edsticas \u00a0\u00a0 CONVENCION \u00a0DE \u00a0VIENA SOBRE EL DERECHO DE LOS \u00a0TRATADOS \u00a0ENTRE \u00a0ESTADOS-Validez en la representaci\u00f3n \u00a0de un Estado \u00a0\u00a0 CONTROL \u00a0DE \u00a0CONSTITUCIONALIDAD \u00a0DE \u00a0TRATADO \u00a0INTERNACIONAL \u00a0 Y \u00a0 LEY \u00a0 APROBATORIA-Negociaci\u00f3n \u00a0y \u00a0celebraci\u00f3n ...<br \/><div class=\"pt-cv-rmwrap\"><a href=\"https:\/\/www.dmsjuridica.com\/buscador_20179478954\/corteconstitucionalcronologico202454587\/c-031-09\/\" class=\"_self pt-cv-readmore btn btn-success\" target=\"_self\">Ver Sentencia Completa...<\/a><\/div><\/div><\/div><\/div>\n<div class=\"col-md-12 col-sm-12 col-xs-12 pt-cv-content-item pt-cv-1-col\" ><div class='pt-cv-ifield'><a href=\"https:\/\/www.dmsjuridica.com\/buscador_20179478954\/corteconstitucionalcronologico202454587\/c-030-09\/\" class=\"_self pt-cv-href-thumbnail pt-cv-thumb-default\" target=\"_self\" ><\/a>\n<div class=\"pt-cv-taxoterm above_title\"><a href='https:\/\/www.dmsjuridica.com\/buscador_20179478954\/corteconstitucionalcronologico202454587\/category\/buscar-en-toda-la-corte\/2009\/sentencias-2009\/' title='Sentencias 2009' class='pt-cv-tax-sentencias-2009'>Sentencias 2009<\/a><\/div>\n<h4 class=\"pt-cv-title\"><a href=\"https:\/\/www.dmsjuridica.com\/buscador_20179478954\/corteconstitucionalcronologico202454587\/c-030-09\/\" class=\"_self\" target=\"_self\" >C-030-09<\/a><\/h4>\n<div class=\"pt-cv-content\">\u00a0 \u00a0 Sentencia \u00a0C-030-09 \u00a0\u00a0 INCONSTITUCIONALIDAD \u00a0POR \u00a0CONSECUENCIA \u00a0EN \u00a0DECRETO \u00a0QUE \u00a0REFORMA \u00a0EL \u00a0REGIMEN \u00a0DE \u00a0PENSIONES DE LOS SERVIDORES PUBLICOS DEL \u00a0DAS-Norma \u00a0 que \u00a0 sirvi\u00f3 \u00a0 de \u00a0 fundamento \u00a0para \u00a0su \u00a0expedici\u00f3n \u00a0\u00a0 Puesto \u00a0que \u00a0las \u00a0facultades \u00a0extraordinarias \u00a0concedidas \u00a0en \u00a0el \u00a0art\u00edculo \u00a017 \u00a0de \u00a0la \u00a0Ley \u00a0797 de 2003 en lo referente a la \u00a0reforma \u00a0del r\u00e9gimen pensional del DAS, no fueron solicitadas en el proyecto de \u00a0Ley \u00a0No \u00a0056 \u00a0de \u00a02002, \u00a0tales \u00a0facultades se encontraban viciadas desde el acto \u00a0mismo \u00a0de \u00a0su \u00a0expedici\u00f3n. \u00a0As\u00ed las cosas, el Decreto 2091 de 2003, dictado en \u00a0desarrollo \u00a0de \u00a0las \u00a0facultades \u00a0extraordinarias ...<br \/><div class=\"pt-cv-rmwrap\"><a href=\"https:\/\/www.dmsjuridica.com\/buscador_20179478954\/corteconstitucionalcronologico202454587\/c-030-09\/\" class=\"_self pt-cv-readmore btn btn-success\" target=\"_self\">Ver Sentencia Completa...<\/a><\/div><\/div><\/div><\/div>\n<div class=\"col-md-12 col-sm-12 col-xs-12 pt-cv-content-item pt-cv-1-col\" ><div class='pt-cv-ifield'><a href=\"https:\/\/www.dmsjuridica.com\/buscador_20179478954\/corteconstitucionalcronologico202454587\/c-029-09\/\" class=\"_self pt-cv-href-thumbnail pt-cv-thumb-default\" target=\"_self\" ><\/a>\n<div class=\"pt-cv-taxoterm above_title\"><a href='https:\/\/www.dmsjuridica.com\/buscador_20179478954\/corteconstitucionalcronologico202454587\/category\/buscar-en-toda-la-corte\/2009\/sentencias-2009\/' title='Sentencias 2009' class='pt-cv-tax-sentencias-2009'>Sentencias 2009<\/a><\/div>\n<h4 class=\"pt-cv-title\"><a href=\"https:\/\/www.dmsjuridica.com\/buscador_20179478954\/corteconstitucionalcronologico202454587\/c-029-09\/\" class=\"_self\" target=\"_self\" >C-029-09<\/a><\/h4>\n<div class=\"pt-cv-content\">\u00a0 \u00a0 Sentencia C-029-09 \u00a0 PRETENSION \u00a0DE \u00a0EXEQUIBILIDAD CONDICIONADA EN \u00a0DEMANDA \u00a0 \u00a0 \u00a0 \u00a0 \u00a0 \u00a0 \u00a0 \u00a0 \u00a0 DE \u00a0 \u00a0 \u00a0 \u00a0 \u00a0 \u00a0 \u00a0 \u00a0 \u00a0 INCONSTITUCIONALIDAD-Improcedencia \u00a0\u00a0 INHIBICION \u00a0 \u00a0 \u00a0DE \u00a0 \u00a0 \u00a0LA \u00a0 \u00a0 \u00a0CORTE \u00a0CONSTITUCIONAL-Configuraci\u00f3n por ineptitud sustantiva \u00a0de \u00a0la \u00a0demanda \u00a0por cuanto los cargos no se orientan a cuestionar los conceptos \u00a0de familia, familiar, familiares y grupo familiar \u00a0\u00a0 COSA \u00a0 JUZGADA \u00a0CONSTITUCIONAL-Configuraci\u00f3n \u00a0\u00a0 COSA \u00a0 \u00a0JUZGADA \u00a0 \u00a0ABSOLUTA-Configuraci\u00f3n \u00a0\u00a0 La \u00a0doctrina \u00a0constitucional ha previsto tres \u00a0excepciones \u00a0al \u00a0alcance \u00a0de \u00a0la \u00a0cosa \u00a0juzgada constitucional absoluta: la cosa \u00a0juzgada \u00a0relativa \u00a0impl\u00edcita, \u00a0la ...<br \/><div class=\"pt-cv-rmwrap\"><a href=\"https:\/\/www.dmsjuridica.com\/buscador_20179478954\/corteconstitucionalcronologico202454587\/c-029-09\/\" class=\"_self pt-cv-readmore btn btn-success\" target=\"_self\">Ver Sentencia Completa...<\/a><\/div><\/div><\/div><\/div>\n<div class=\"col-md-12 col-sm-12 col-xs-12 pt-cv-content-item pt-cv-1-col\" ><div class='pt-cv-ifield'><a href=\"https:\/\/www.dmsjuridica.com\/buscador_20179478954\/corteconstitucionalcronologico202454587\/c-028-09\/\" class=\"_self pt-cv-href-thumbnail pt-cv-thumb-default\" target=\"_self\" ><\/a>\n<div class=\"pt-cv-taxoterm above_title\"><a href='https:\/\/www.dmsjuridica.com\/buscador_20179478954\/corteconstitucionalcronologico202454587\/category\/buscar-en-toda-la-corte\/2009\/sentencias-2009\/' title='Sentencias 2009' class='pt-cv-tax-sentencias-2009'>Sentencias 2009<\/a><\/div>\n<h4 class=\"pt-cv-title\"><a href=\"https:\/\/www.dmsjuridica.com\/buscador_20179478954\/corteconstitucionalcronologico202454587\/c-028-09\/\" class=\"_self\" target=\"_self\" >C-028-09<\/a><\/h4>\n<div class=\"pt-cv-content\">\u00a0 \u00a0 Sentencia C-028-09 \u00a0 DEMANDA \u00a0DE \u00a0INCONSTITUCIONALIDAD-Requisitos m\u00ednimos \u00a0\u00a0 DEMANDA \u00a0DE INCONSTITUCIONALIDAD-Requisitos \u00a0 de \u00a0claridad, \u00a0certeza, \u00a0especificidad, \u00a0pertinencia \u00a0y \u00a0suficiencia \u00a0\u00a0 INHIBICION \u00a0 \u00a0 \u00a0DE \u00a0 \u00a0 \u00a0LA \u00a0 \u00a0 \u00a0CORTE \u00a0CONSTITUCIONAL-Procedencia \u00a0 por \u00a0 incumplimiento \u00a0de \u00a0requisitos \u00a0que \u00a0deben \u00a0contener \u00a0las \u00a0razones de inconstitucionalidad aunque se \u00a0hubiere admitido la demanda \u00a0\u00a0 INHIBICION \u00a0 \u00a0 \u00a0DE \u00a0 \u00a0 \u00a0LA \u00a0 \u00a0 \u00a0CORTE \u00a0CONSTITUCIONAL-Interpretaci\u00f3n \u00a0 \u00a0 equivocada \u00a0 \u00a0de \u00a0disposici\u00f3n acusada \u00a0\u00a0 INHIBICION \u00a0DE \u00a0LA \u00a0CORTE CONSTITUCIONAL POR \u00a0INEPTITUD \u00a0SUSTANTIVA \u00a0DE \u00a0LA \u00a0DEMANDA-Cargo no guarda \u00a0correspondencia con disposici\u00f3n acusada \u00a0\u00a0 Referencia: expediente D-7354 \u00a0 Demanda \u00a0de \u00a0inconstitucionalidad \u00a0contra el \u00a0art\u00edculo ...<br \/><div class=\"pt-cv-rmwrap\"><a href=\"https:\/\/www.dmsjuridica.com\/buscador_20179478954\/corteconstitucionalcronologico202454587\/c-028-09\/\" class=\"_self pt-cv-readmore btn btn-success\" target=\"_self\">Ver Sentencia Completa...<\/a><\/div><\/div><\/div><\/div>\n<div class=\"col-md-12 col-sm-12 col-xs-12 pt-cv-content-item pt-cv-1-col\" ><div class='pt-cv-ifield'><a href=\"https:\/\/www.dmsjuridica.com\/buscador_20179478954\/corteconstitucionalcronologico202454587\/c-027-09\/\" class=\"_self pt-cv-href-thumbnail pt-cv-thumb-default\" target=\"_self\" ><\/a>\n<div class=\"pt-cv-taxoterm above_title\"><a href='https:\/\/www.dmsjuridica.com\/buscador_20179478954\/corteconstitucionalcronologico202454587\/category\/buscar-en-toda-la-corte\/2009\/sentencias-2009\/' title='Sentencias 2009' class='pt-cv-tax-sentencias-2009'>Sentencias 2009<\/a><\/div>\n<h4 class=\"pt-cv-title\"><a href=\"https:\/\/www.dmsjuridica.com\/buscador_20179478954\/corteconstitucionalcronologico202454587\/c-027-09\/\" class=\"_self\" target=\"_self\" >C-027-09<\/a><\/h4>\n<div class=\"pt-cv-content\">\u00a0 \u00a0 Sentencia \u00a0C-027-09 \u00a0\u00a0 INHIBICION \u00a0DE \u00a0LA \u00a0CORTE \u00a0CONSTITUCIONAL POR \u00a0INEPTITUD \u00a0SUSTANTIVA \u00a0DE \u00a0LA \u00a0DEMANDA-Inexistencia de \u00a0proposici\u00f3n jur\u00eddica completa \u00a0\u00a0 Referencia: expediente D-7336 \u00a0 Demandantes: Diana Carolina Tejedor Correales \u00a0y Nancy Carolina Moreno Lemus \u00a0\u00a0 Magistrado Ponente: \u00a0 Dr. RODRIGO ESCOBAR GIL \u00a0 Bogot\u00e1, \u00a0D.C., \u00a0veintisiete\u00a0 \u00a0(27) \u00a0de \u00a0enero de dos mil nueve (2009). \u00a0\u00a0 La Sala Plena de la Corte Constitucional, en \u00a0cumplimiento \u00a0de \u00a0sus \u00a0atribuciones \u00a0constitucionales \u00a0y \u00a0de los requisitos y el \u00a0tr\u00e1mite \u00a0 establecidos \u00a0 en \u00a0 el \u00a0 Decreto \u00a0 2067 \u00a0de \u00a01991, \u00a0ha \u00a0proferido \u00a0la \u00a0siguiente \u00a0\u00a0 SENTENCIA \u00a0\u00a0 I. \u00a0\u00a0 \u00a0\u00a0 \u00a0\u00a0 \u00a0ANTECEDENTES ...<br \/><div class=\"pt-cv-rmwrap\"><a href=\"https:\/\/www.dmsjuridica.com\/buscador_20179478954\/corteconstitucionalcronologico202454587\/c-027-09\/\" class=\"_self pt-cv-readmore btn btn-success\" target=\"_self\">Ver Sentencia Completa...<\/a><\/div><\/div><\/div><\/div>\n<div class=\"col-md-12 col-sm-12 col-xs-12 pt-cv-content-item pt-cv-1-col\" ><div class='pt-cv-ifield'><a href=\"https:\/\/www.dmsjuridica.com\/buscador_20179478954\/corteconstitucionalcronologico202454587\/c-026-09\/\" class=\"_self pt-cv-href-thumbnail pt-cv-thumb-default\" target=\"_self\" ><\/a>\n<div class=\"pt-cv-taxoterm above_title\"><a href='https:\/\/www.dmsjuridica.com\/buscador_20179478954\/corteconstitucionalcronologico202454587\/category\/buscar-en-toda-la-corte\/2009\/sentencias-2009\/' title='Sentencias 2009' class='pt-cv-tax-sentencias-2009'>Sentencias 2009<\/a><\/div>\n<h4 class=\"pt-cv-title\"><a href=\"https:\/\/www.dmsjuridica.com\/buscador_20179478954\/corteconstitucionalcronologico202454587\/c-026-09\/\" class=\"_self\" target=\"_self\" >C-026-09<\/a><\/h4>\n<div class=\"pt-cv-content\">REGIMEN DE TRANSICION EN MATERIA DISCIPLINARIA \u00a0EN \u00a0 \u00a0LEY \u00a0 QUE \u00a0 MODIFICA \u00a0 NATURALEZA \u00a0 JURIDICA \u00a0 DE \u00a0 ECOPETROL-Inconstitucionalidad \u00a0 parcial \u00a0 por \u00a0 desconocimiento \u00a0 del \u00a0 poder \u00a0disciplinario \u00a0preferente \u00a0de \u00a0la Procuradur\u00eda\/REGIMEN \u00a0DE \u00a0TRANSICION \u00a0EN MATERIA DISCIPLINARIA EN LEY QUE MODIFICA NATURALEZA JURIDICA \u00a0DE \u00a0 ECOPETROL-Inconstitucionalidad \u00a0parcial \u00a0por \u00a0no \u00a0prever \u00a0consecuencias \u00a0de \u00a0decisi\u00f3n \u00a0de \u00a0la \u00a0Procuradur\u00eda \u00a0de \u00a0no proseguir la \u00a0investigaci\u00f3n o proceso \u00a0\u00a0 La \u00a0norma \u00a0acusada, \u00a0ordena \u00a0que \u00a0tanto \u00a0las \u00a0investigaciones \u00a0y \u00a0quejas sobre los servidores p\u00fablicos de ECOPETROL que no se \u00a0hubieren \u00a0tramitado \u00a0en \u00a0el momento de conversi\u00f3n de la empresa en una sociedad ...<br \/><div class=\"pt-cv-rmwrap\"><a href=\"https:\/\/www.dmsjuridica.com\/buscador_20179478954\/corteconstitucionalcronologico202454587\/c-026-09\/\" class=\"_self pt-cv-readmore btn btn-success\" target=\"_self\">Ver Sentencia Completa...<\/a><\/div><\/div><\/div><\/div>\n<div class=\"col-md-12 col-sm-12 col-xs-12 pt-cv-content-item pt-cv-1-col\" ><div class='pt-cv-ifield'><a href=\"https:\/\/www.dmsjuridica.com\/buscador_20179478954\/corteconstitucionalcronologico202454587\/c-025-09\/\" class=\"_self pt-cv-href-thumbnail pt-cv-thumb-default\" target=\"_self\" ><\/a>\n<div class=\"pt-cv-taxoterm above_title\"><a href='https:\/\/www.dmsjuridica.com\/buscador_20179478954\/corteconstitucionalcronologico202454587\/category\/buscar-en-toda-la-corte\/2009\/sentencias-2009\/' title='Sentencias 2009' class='pt-cv-tax-sentencias-2009'>Sentencias 2009<\/a><\/div>\n<h4 class=\"pt-cv-title\"><a href=\"https:\/\/www.dmsjuridica.com\/buscador_20179478954\/corteconstitucionalcronologico202454587\/c-025-09\/\" class=\"_self\" target=\"_self\" >C-025-09<\/a><\/h4>\n<div class=\"pt-cv-content\">\u00a0 \u00a0 Sentencia C-025-09 \u00a0 DERECHO \u00a0 \u00a0A \u00a0 \u00a0LA \u00a0 DEFENSA-Garant\u00eda \u00a0del \u00a0debido proceso\/DERECHO A LA \u00a0DEFENSA-Definici\u00f3n\/DERECHO A \u00a0LA DEFENSA-Importancia \u00a0\u00a0 Una \u00a0de las principales garant\u00edas del debido \u00a0proceso, \u00a0es precisamente el derecho a la defensa, entendido como la oportunidad \u00a0reconocida \u00a0a \u00a0toda \u00a0persona, \u00a0en \u00a0el \u00a0\u00e1mbito de cualquier proceso o actuaci\u00f3n \u00a0judicial \u00a0o \u00a0administrativa, \u00a0de ser o\u00edda, de hacer valer las propias razones y \u00a0argumentos, \u00a0de \u00a0controvertir, \u00a0contradecir y objetar las pruebas en contra y de \u00a0solicitar \u00a0la \u00a0pr\u00e1ctica \u00a0y \u00a0evaluaci\u00f3n \u00a0de las que se estiman favorables, as\u00ed \u00a0como \u00a0de ejercitar los recursos que la ley otorga. Su ...<br \/><div class=\"pt-cv-rmwrap\"><a href=\"https:\/\/www.dmsjuridica.com\/buscador_20179478954\/corteconstitucionalcronologico202454587\/c-025-09\/\" class=\"_self pt-cv-readmore btn btn-success\" target=\"_self\">Ver Sentencia Completa...<\/a><\/div><\/div><\/div><\/div>\n<div class=\"col-md-12 col-sm-12 col-xs-12 pt-cv-content-item pt-cv-1-col\" ><div class='pt-cv-ifield'><a href=\"https:\/\/www.dmsjuridica.com\/buscador_20179478954\/corteconstitucionalcronologico202454587\/c-015a-09\/\" class=\"_self pt-cv-href-thumbnail pt-cv-thumb-default\" target=\"_self\" ><\/a>\n<div class=\"pt-cv-taxoterm above_title\"><a href='https:\/\/www.dmsjuridica.com\/buscador_20179478954\/corteconstitucionalcronologico202454587\/category\/buscar-en-toda-la-corte\/2009\/sentencias-2009\/' title='Sentencias 2009' class='pt-cv-tax-sentencias-2009'>Sentencias 2009<\/a><\/div>\n<h4 class=\"pt-cv-title\"><a href=\"https:\/\/www.dmsjuridica.com\/buscador_20179478954\/corteconstitucionalcronologico202454587\/c-015a-09\/\" class=\"_self\" target=\"_self\" >C-015A-09<\/a><\/h4>\n<div class=\"pt-cv-content\">\u00a0 \u00a0 Sentencia C-015A-09 \u00a0 OBJECION \u00a0PRESIDENCIAL AL PROYECTO DE LEY POR \u00a0LA \u00a0CUAL \u00a0LA \u00a0NACION \u00a0SE \u00a0VINCULA \u00a0A LA CELEBRACION DE LOS TREINTA (30) A\u00d1OS DE \u00a0EXISTENCIA \u00a0 \u00a0JURIDICA \u00a0 \u00a0DE \u00a0 LA \u00a0 UNIVERSIDAD \u00a0 DE \u00a0 LA \u00a0 GUAJIRA-Infundada \u00a0\u00a0 Las objeciones formuladas al proyecto de ley \u00a0resultan \u00a0infundadas por dos razones: La primera, porque el Legislador no impuso \u00a0al \u00a0Gobierno \u00a0una \u00a0partida \u00a0presupuestal \u00a0sino \u00a0que \u00a0le \u00a0autoriz\u00f3 \u00a0a evaluar la \u00a0viabilidad \u00a0econ\u00f3mica \u00a0del \u00a0gasto \u00a0e \u00a0incluirlo en el Presupuesto General de la \u00a0Naci\u00f3n y, la segunda, porque el Congreso s\u00ed evalu\u00f3 \u00a0la \u00a0viabilidad \u00a0del \u00a0gasto \u00a0y ...<br \/><div class=\"pt-cv-rmwrap\"><a href=\"https:\/\/www.dmsjuridica.com\/buscador_20179478954\/corteconstitucionalcronologico202454587\/c-015a-09\/\" class=\"_self pt-cv-readmore btn btn-success\" target=\"_self\">Ver Sentencia Completa...<\/a><\/div><\/div><\/div><\/div><\/div><\/div><\/div>\n","protected":false},"excerpt":{"rendered":"","protected":false},"author":1,"featured_media":0,"parent":0,"menu_order":0,"comment_status":"closed","ping_status":"closed","template":"","meta":{"footnotes":""},"class_list":["post-29500","page","type-page","status-publish","hentry"],"_links":{"self":[{"href":"https:\/\/www.dmsjuridica.com\/buscador_20179478954\/corteconstitucionalcronologico202454587\/wp-json\/wp\/v2\/pages\/29500","targetHints":{"allow":["GET"]}}],"collection":[{"href":"https:\/\/www.dmsjuridica.com\/buscador_20179478954\/corteconstitucionalcronologico202454587\/wp-json\/wp\/v2\/pages"}],"about":[{"href":"https:\/\/www.dmsjuridica.com\/buscador_20179478954\/corteconstitucionalcronologico202454587\/wp-json\/wp\/v2\/types\/page"}],"author":[{"embeddable":true,"href":"https:\/\/www.dmsjuridica.com\/buscador_20179478954\/corteconstitucionalcronologico202454587\/wp-json\/wp\/v2\/users\/1"}],"replies":[{"embeddable":true,"href":"https:\/\/www.dmsjuridica.com\/buscador_20179478954\/corteconstitucionalcronologico202454587\/wp-json\/wp\/v2\/comments?post=29500"}],"version-history":[{"count":1,"href":"https:\/\/www.dmsjuridica.com\/buscador_20179478954\/corteconstitucionalcronologico202454587\/wp-json\/wp\/v2\/pages\/29500\/revisions"}],"predecessor-version":[{"id":29501,"href":"https:\/\/www.dmsjuridica.com\/buscador_20179478954\/corteconstitucionalcronologico202454587\/wp-json\/wp\/v2\/pages\/29500\/revisions\/29501"}],"wp:attachment":[{"href":"https:\/\/www.dmsjuridica.com\/buscador_20179478954\/corteconstitucionalcronologico202454587\/wp-json\/wp\/v2\/media?parent=29500"}],"curies":[{"name":"wp","href":"https:\/\/api.w.org\/{rel}","templated":true}]}}