{"id":29508,"date":"2024-07-10T12:41:44","date_gmt":"2024-07-10T17:41:44","guid":{"rendered":"https:\/\/www.dmsjuridica.com\/buscador_20179478954\/corteconstitucionalcronologico202454587\/?page_id=29508"},"modified":"2024-07-10T12:41:44","modified_gmt":"2024-07-10T17:41:44","slug":"sentencias-2013","status":"publish","type":"page","link":"https:\/\/www.dmsjuridica.com\/buscador_20179478954\/corteconstitucionalcronologico202454587\/sentencias-2013\/","title":{"rendered":"Sentencias 2013"},"content":{"rendered":"<div class=\"pt-cv-wrapper\"><div class=\"pt-cv-view pt-cv-grid pt-cv-colsys\" id=\"pt-cv-view-2f8542emuc\"><div data-id=\"pt-cv-page-1\" class=\"pt-cv-page\" data-cvc=\"1\"><div class=\"col-md-12 col-sm-12 col-xs-12 pt-cv-content-item pt-cv-1-col\" ><div class='pt-cv-ifield'><a href=\"https:\/\/www.dmsjuridica.com\/buscador_20179478954\/corteconstitucionalcronologico202454587\/c-935-13\/\" class=\"_self pt-cv-href-thumbnail pt-cv-thumb-default\" target=\"_self\" ><\/a>\n<div class=\"pt-cv-taxoterm above_title\"><a href='https:\/\/www.dmsjuridica.com\/buscador_20179478954\/corteconstitucionalcronologico202454587\/category\/buscar-en-toda-la-corte\/2013\/sentencias-2013\/' title='Sentencias 2013' class='pt-cv-tax-sentencias-2013'>Sentencias 2013<\/a><\/div>\n<h4 class=\"pt-cv-title\"><a href=\"https:\/\/www.dmsjuridica.com\/buscador_20179478954\/corteconstitucionalcronologico202454587\/c-935-13\/\" class=\"_self\" target=\"_self\" >C-935-13<\/a><\/h4>\n<div class=\"pt-cv-content\">\u00a0 \u00a0 \u00a0 \u00a0 \u00a0 \u00a0C-935-13 \u00a0 \u00a0 \u00a0 \u00a0 \u00a0 \u00a0\u00a0 Sentencia C-935\/13 \u00a0 \u00a0 SISTEMA \u00a0 NACIONAL DE DISCAPACIDAD-Organizaci\u00f3n\/CONSEJO NACIONAL DE DISCAPACIDAD-Conformaci\u00f3n\/CONSEJO \u00a0 NACIONAL DE DISCAPACIDAD-Inclusi\u00f3n de representante de las organizaciones de \u00a0 personas con sordoceguera\/COMITES TERRITORIALES DE \u00a0 DISCAPACIDAD-Inclusi\u00f3n de un representante \u00a0 de las organizaciones de sordoceguera\/OMISION LEGISLATIVA RELATIVA EN NORMA \u00a0 ACUSADA-Implica el desconocimiento del derecho a la igualdad en detrimento \u00a0 de la participaci\u00f3n de las organizaciones de personas con sordoceguera\/DEMANDA \u00a0 DE INCONSTITUCIONALIDAD POR OMISION LEGISLATIVA RELATIVA-Configuraci\u00f3n por \u00a0 situaci\u00f3n de discriminaci\u00f3n en detrimento de la garant\u00eda de los derechos de un \u00a0 ...<br \/><div class=\"pt-cv-rmwrap\"><a href=\"https:\/\/www.dmsjuridica.com\/buscador_20179478954\/corteconstitucionalcronologico202454587\/c-935-13\/\" class=\"_self pt-cv-readmore btn btn-success\" target=\"_self\">Ver Sentencia Completa...<\/a><\/div><\/div><\/div><\/div>\n<div class=\"col-md-12 col-sm-12 col-xs-12 pt-cv-content-item pt-cv-1-col\" ><div class='pt-cv-ifield'><a href=\"https:\/\/www.dmsjuridica.com\/buscador_20179478954\/corteconstitucionalcronologico202454587\/c-934-13\/\" class=\"_self pt-cv-href-thumbnail pt-cv-thumb-default\" target=\"_self\" ><\/a>\n<div class=\"pt-cv-taxoterm above_title\"><a href='https:\/\/www.dmsjuridica.com\/buscador_20179478954\/corteconstitucionalcronologico202454587\/category\/buscar-en-toda-la-corte\/2013\/sentencias-2013\/' title='Sentencias 2013' class='pt-cv-tax-sentencias-2013'>Sentencias 2013<\/a><\/div>\n<h4 class=\"pt-cv-title\"><a href=\"https:\/\/www.dmsjuridica.com\/buscador_20179478954\/corteconstitucionalcronologico202454587\/c-934-13\/\" class=\"_self\" target=\"_self\" >C-934-13<\/a><\/h4>\n<div class=\"pt-cv-content\">\u00a0 \u00a0 \u00a0 \u00a0 \u00a0 \u00a0C-934-13 \u00a0 \u00a0 \u00a0 \u00a0 \u00a0 \u00a0\u00a0 Sentencia C-934\/13 \u00a0 \u00a0 PRESCRIPCION DE ACCION DE NULIDAD DE NEGOCIO JURIDICO QUE HAYA SIDO CONSENTIDO \u00a0 POR LA FUERZA, EN CODIGO DE COMERCIO-Exequibilidad condicionada \u00a0 \u00a0 Realizado el an\u00e1lisis \u00a0 doctrinario y jurisprudencial correspondiente, esta corporaci\u00f3n, mediando el \u00a0 test de igualdad, advierte que los segmentos censurados del art\u00edculo 900 del \u00a0 C\u00f3digo de Comercio no encuadran dentro en una raz\u00f3n suficiente y de \u00a0 proporcionalidad que permita determinar su conformidad con los art\u00edculos de la \u00a0 carta pol\u00edtica 13 (igualdad), 16\u00a0 (autonom\u00eda de la voluntad) y ...<br \/><div class=\"pt-cv-rmwrap\"><a href=\"https:\/\/www.dmsjuridica.com\/buscador_20179478954\/corteconstitucionalcronologico202454587\/c-934-13\/\" class=\"_self pt-cv-readmore btn btn-success\" target=\"_self\">Ver Sentencia Completa...<\/a><\/div><\/div><\/div><\/div>\n<div class=\"col-md-12 col-sm-12 col-xs-12 pt-cv-content-item pt-cv-1-col\" ><div class='pt-cv-ifield'><a href=\"https:\/\/www.dmsjuridica.com\/buscador_20179478954\/corteconstitucionalcronologico202454587\/c-914-13\/\" class=\"_self pt-cv-href-thumbnail pt-cv-thumb-default\" target=\"_self\" ><\/a>\n<div class=\"pt-cv-taxoterm above_title\"><a href='https:\/\/www.dmsjuridica.com\/buscador_20179478954\/corteconstitucionalcronologico202454587\/category\/buscar-en-toda-la-corte\/2013\/sentencias-2013\/' title='Sentencias 2013' class='pt-cv-tax-sentencias-2013'>Sentencias 2013<\/a><\/div>\n<h4 class=\"pt-cv-title\"><a href=\"https:\/\/www.dmsjuridica.com\/buscador_20179478954\/corteconstitucionalcronologico202454587\/c-914-13\/\" class=\"_self\" target=\"_self\" >C-914-13<\/a><\/h4>\n<div class=\"pt-cv-content\">\u00a0 \u00a0 \u00a0 \u00a0 \u00a0 \u00a0C-914-13 \u00a0 \u00a0 \u00a0 \u00a0 \u00a0 \u00a0\u00a0 Sentencia C-914\/13 \u00a0 \u00a0 INVESTIGACIONES EN CONTRA DE MIEMBROS DE JUNTAS DE CALIFICACION DE INVALIDEZ EN \u00a0 LEY 1562 DE 2012-No pueden \u00a0 adelantarse dos investigaciones, de ser el caso, la investigaci\u00f3n de la \u00a0 Procuradur\u00eda General de la Naci\u00f3n desplaza la que lleve a cabo el Ministerio del \u00a0 Trabajo \u00a0 \u00a0 FORMA DE DESIGNACION DE MIEMBROS DE JUNTAS DE \u00a0 CALIFICACION DE INVALIDEZ EN LEY 1562 DE 2012-Tiene reserva legal, por lo que no puede diferirse al \u00a0 Ministerio del Trabajo \u00a0 \u00a0 DEMANDA DE \u00a0 ...<br \/><div class=\"pt-cv-rmwrap\"><a href=\"https:\/\/www.dmsjuridica.com\/buscador_20179478954\/corteconstitucionalcronologico202454587\/c-914-13\/\" class=\"_self pt-cv-readmore btn btn-success\" target=\"_self\">Ver Sentencia Completa...<\/a><\/div><\/div><\/div><\/div>\n<div class=\"col-md-12 col-sm-12 col-xs-12 pt-cv-content-item pt-cv-1-col\" ><div class='pt-cv-ifield'><a href=\"https:\/\/www.dmsjuridica.com\/buscador_20179478954\/corteconstitucionalcronologico202454587\/c-913-13\/\" class=\"_self pt-cv-href-thumbnail pt-cv-thumb-default\" target=\"_self\" ><\/a>\n<div class=\"pt-cv-taxoterm above_title\"><a href='https:\/\/www.dmsjuridica.com\/buscador_20179478954\/corteconstitucionalcronologico202454587\/category\/buscar-en-toda-la-corte\/2013\/sentencias-2013\/' title='Sentencias 2013' class='pt-cv-tax-sentencias-2013'>Sentencias 2013<\/a><\/div>\n<h4 class=\"pt-cv-title\"><a href=\"https:\/\/www.dmsjuridica.com\/buscador_20179478954\/corteconstitucionalcronologico202454587\/c-913-13\/\" class=\"_self\" target=\"_self\" >C-913-13<\/a><\/h4>\n<div class=\"pt-cv-content\">\u00a0 \u00a0 \u00a0 \u00a0 \u00a0 \u00a0C-913-13 \u00a0 \u00a0 \u00a0 \u00a0 \u00a0 \u00a0\u00a0 Sentencia C-913\/13 \u00a0 \u00a0 La Corte evidenci\u00f3 que mediante \u00a0 sentencia C-613 de 2013 (M. P. Jorge Ignacio Pretelt Chaljub) se resolvieron \u00a0 cuestionamientos de acuerdo con los cuales el literal k) del art\u00edculo 151C de la \u00a0 Ley 100 de 1993, adicionado por el art\u00edculo 3\u00b0 de la Ley 1580 de 2012 desconoc\u00eda \u00a0 el derecho a la igualdad de otros grupos excluidos de la pensi\u00f3n familiar, y en dicha oportunidad el precepto fue declarado \u00a0 exequible por ajustarse a la Constituci\u00f3n, por lo que encuentra que ...<br \/><div class=\"pt-cv-rmwrap\"><a href=\"https:\/\/www.dmsjuridica.com\/buscador_20179478954\/corteconstitucionalcronologico202454587\/c-913-13\/\" class=\"_self pt-cv-readmore btn btn-success\" target=\"_self\">Ver Sentencia Completa...<\/a><\/div><\/div><\/div><\/div>\n<div class=\"col-md-12 col-sm-12 col-xs-12 pt-cv-content-item pt-cv-1-col\" ><div class='pt-cv-ifield'><a href=\"https:\/\/www.dmsjuridica.com\/buscador_20179478954\/corteconstitucionalcronologico202454587\/c-912-13\/\" class=\"_self pt-cv-href-thumbnail pt-cv-thumb-default\" target=\"_self\" ><\/a>\n<div class=\"pt-cv-taxoterm above_title\"><a href='https:\/\/www.dmsjuridica.com\/buscador_20179478954\/corteconstitucionalcronologico202454587\/category\/buscar-en-toda-la-corte\/2013\/sentencias-2013\/' title='Sentencias 2013' class='pt-cv-tax-sentencias-2013'>Sentencias 2013<\/a><\/div>\n<h4 class=\"pt-cv-title\"><a href=\"https:\/\/www.dmsjuridica.com\/buscador_20179478954\/corteconstitucionalcronologico202454587\/c-912-13\/\" class=\"_self\" target=\"_self\" >C-912-13<\/a><\/h4>\n<div class=\"pt-cv-content\">\u00a0 \u00a0 \u00a0 \u00a0 \u00a0 \u00a0C-912-13 \u00a0 \u00a0 \u00a0 \u00a0 \u00a0 \u00a0\u00a0 Sentencia \u00a0 C-912\/13 \u00a0 \u00a0 ACCESO PREFERENTE DE LAS VICTIMAS A SUBSIDIOS DE VIVIENDA, PROGRAMAS DE \u00a0 FORMACION Y EMPLEO, Y CARRERA ADMINISTRATIVA EN CASOS DE EMPATE-Son \u00a0 prestaciones adicionales y no pueden descontarse del monto de la indemnizaci\u00f3n \u00a0 administrativa o judicial a que tienen derecho \u00a0 \u00a0 La Sala reafirma el \u00a0 precedente establecido en esta sentencia y llama la atenci\u00f3n sobre el hecho de \u00a0 que las indemnizaciones atienden s\u00f3lo al componente compensatorio de la \u00a0 reparaci\u00f3n.\u00a0 Como qued\u00f3 establecido, la reparaci\u00f3n no se agota ...<br \/><div class=\"pt-cv-rmwrap\"><a href=\"https:\/\/www.dmsjuridica.com\/buscador_20179478954\/corteconstitucionalcronologico202454587\/c-912-13\/\" class=\"_self pt-cv-readmore btn btn-success\" target=\"_self\">Ver Sentencia Completa...<\/a><\/div><\/div><\/div><\/div>\n<div class=\"col-md-12 col-sm-12 col-xs-12 pt-cv-content-item pt-cv-1-col\" ><div class='pt-cv-ifield'><a href=\"https:\/\/www.dmsjuridica.com\/buscador_20179478954\/corteconstitucionalcronologico202454587\/c-911-13\/\" class=\"_self pt-cv-href-thumbnail pt-cv-thumb-default\" target=\"_self\" ><\/a>\n<div class=\"pt-cv-taxoterm above_title\"><a href='https:\/\/www.dmsjuridica.com\/buscador_20179478954\/corteconstitucionalcronologico202454587\/category\/buscar-en-toda-la-corte\/2013\/sentencias-2013\/' title='Sentencias 2013' class='pt-cv-tax-sentencias-2013'>Sentencias 2013<\/a><\/div>\n<h4 class=\"pt-cv-title\"><a href=\"https:\/\/www.dmsjuridica.com\/buscador_20179478954\/corteconstitucionalcronologico202454587\/c-911-13\/\" class=\"_self\" target=\"_self\" >C-911-13<\/a><\/h4>\n<div class=\"pt-cv-content\">\u00a0 \u00a0 \u00a0 \u00a0 \u00a0 \u00a0C-911-13 \u00a0 \u00a0 \u00a0 \u00a0 \u00a0 \u00a0\u00a0 Sentencia C-911\/13 \u00a0 \u00a0 FAMILIARES \u00a0 EN PRIMER GRADO CIVIL DE MIEMBROS DE LA FUERZA PUBLICA QUE HAYAN PERDIDO LA VIDA \u00a0 EN DESARROLLO DE ACTOS DE SERVICIO, EN RELACION CON EL MISMO O FUERA DE EL-Reconocimiento \u00a0 como v\u00edctimas \u00a0 \u00a0 El inciso \u00a0 5\u00ba, en la expresi\u00f3n que se demanda, se\u00f1ala que se tendr\u00e1n como v\u00edctimas, \u201cal \u00a0 c\u00f3nyuge, compa\u00f1ero o compa\u00f1era permanente y familiares en primer grado de \u00a0 consanguinidad\u201d, de los miembros de la fuerza p\u00fablica que hayan perdido la vida \u00a0 en desarrollo ...<br \/><div class=\"pt-cv-rmwrap\"><a href=\"https:\/\/www.dmsjuridica.com\/buscador_20179478954\/corteconstitucionalcronologico202454587\/c-911-13\/\" class=\"_self pt-cv-readmore btn btn-success\" target=\"_self\">Ver Sentencia Completa...<\/a><\/div><\/div><\/div><\/div>\n<div class=\"col-md-12 col-sm-12 col-xs-12 pt-cv-content-item pt-cv-1-col\" ><div class='pt-cv-ifield'><a href=\"https:\/\/www.dmsjuridica.com\/buscador_20179478954\/corteconstitucionalcronologico202454587\/c-910-13\/\" class=\"_self pt-cv-href-thumbnail pt-cv-thumb-default\" target=\"_self\" ><\/a>\n<div class=\"pt-cv-taxoterm above_title\"><a href='https:\/\/www.dmsjuridica.com\/buscador_20179478954\/corteconstitucionalcronologico202454587\/category\/buscar-en-toda-la-corte\/2013\/sentencias-2013\/' title='Sentencias 2013' class='pt-cv-tax-sentencias-2013'>Sentencias 2013<\/a><\/div>\n<h4 class=\"pt-cv-title\"><a href=\"https:\/\/www.dmsjuridica.com\/buscador_20179478954\/corteconstitucionalcronologico202454587\/c-910-13\/\" class=\"_self\" target=\"_self\" >C-910-13<\/a><\/h4>\n<div class=\"pt-cv-content\">\u00a0 \u00a0 \u00a0 \u00a0 \u00a0 \u00a0C-910-13 \u00a0 \u00a0 \u00a0 \u00a0 \u00a0 \u00a0\u00a0 Sentencia C-910 DE 2013 \u00a0 \u00a0 CONVENCION SOBRE PROHIBICION \u00a0 DE EMPLEO DE MUNICIONES EN RACIMO-Se \u00a0 ajusta a la Constituci\u00f3n Pol\u00edtica, tanto en su aspecto formal como en su \u00a0 contenido material \u00a0 \u00a0 La Sala llev\u00f3 a cabo seg\u00fan lo previsto en el art\u00edculo 241 numeral \u00a0 10 constitucional, un control de constitucionalidad autom\u00e1tico, previo e \u00a0 integral, de la Ley 1604 de 2012 \u201cPor medio de la cual se aprueba la \u201cConvenci\u00f3n sobre Municiones en Racimo\u201d, hecha en \u00a0 Dubl\u00edn, Rep\u00fablica de Irlanda, el treinta ...<br \/><div class=\"pt-cv-rmwrap\"><a href=\"https:\/\/www.dmsjuridica.com\/buscador_20179478954\/corteconstitucionalcronologico202454587\/c-910-13\/\" class=\"_self pt-cv-readmore btn btn-success\" target=\"_self\">Ver Sentencia Completa...<\/a><\/div><\/div><\/div><\/div>\n<div class=\"col-md-12 col-sm-12 col-xs-12 pt-cv-content-item pt-cv-1-col\" ><div class='pt-cv-ifield'><a href=\"https:\/\/www.dmsjuridica.com\/buscador_20179478954\/corteconstitucionalcronologico202454587\/c-909-13\/\" class=\"_self pt-cv-href-thumbnail pt-cv-thumb-default\" target=\"_self\" ><\/a>\n<div class=\"pt-cv-taxoterm above_title\"><a href='https:\/\/www.dmsjuridica.com\/buscador_20179478954\/corteconstitucionalcronologico202454587\/category\/buscar-en-toda-la-corte\/2013\/sentencias-2013\/' title='Sentencias 2013' class='pt-cv-tax-sentencias-2013'>Sentencias 2013<\/a><\/div>\n<h4 class=\"pt-cv-title\"><a href=\"https:\/\/www.dmsjuridica.com\/buscador_20179478954\/corteconstitucionalcronologico202454587\/c-909-13\/\" class=\"_self\" target=\"_self\" >C-909-13<\/a><\/h4>\n<div class=\"pt-cv-content\">\u00a0 \u00a0 \u00a0 \u00a0 \u00a0 \u00a0C-909-13 \u00a0 \u00a0 \u00a0 \u00a0 \u00a0 \u00a0\u00a0 Sentencia C-909\/13 \u00a0 \u00a0 ACUERDO DE RECONOCIMIENTO MUTUO DE TITULOS Y GRADOS ACADEMICOS DE EDUCACION \u00a0 SUPERIOR ENTRE COLOMBIA Y ESPA\u00d1A-Es acorde con los principios, objetivos y \u00a0 finalidades del estado social de derecho \u00a0 \u00a0 El Acuerdo \u00a0 aprobado mediante la Ley 1611 de 2013, y esta misma, se ajustan a la \u00a0 Constituci\u00f3n Pol\u00edtica, en sus aspectos formales al haber satisfecho cabalmente \u00a0 los requisitos procedimentales normativamente establecidos para ello. Igualmente \u00a0 en lo material, por cuanto sin contrariedad alguna frente a la preceptiva \u00a0 nacional, ...<br \/><div class=\"pt-cv-rmwrap\"><a href=\"https:\/\/www.dmsjuridica.com\/buscador_20179478954\/corteconstitucionalcronologico202454587\/c-909-13\/\" class=\"_self pt-cv-readmore btn btn-success\" target=\"_self\">Ver Sentencia Completa...<\/a><\/div><\/div><\/div><\/div>\n<div class=\"col-md-12 col-sm-12 col-xs-12 pt-cv-content-item pt-cv-1-col\" ><div class='pt-cv-ifield'><a href=\"https:\/\/www.dmsjuridica.com\/buscador_20179478954\/corteconstitucionalcronologico202454587\/c-908-13\/\" class=\"_self pt-cv-href-thumbnail pt-cv-thumb-default\" target=\"_self\" ><\/a>\n<div class=\"pt-cv-taxoterm above_title\"><a href='https:\/\/www.dmsjuridica.com\/buscador_20179478954\/corteconstitucionalcronologico202454587\/category\/buscar-en-toda-la-corte\/2013\/sentencias-2013\/' title='Sentencias 2013' class='pt-cv-tax-sentencias-2013'>Sentencias 2013<\/a><\/div>\n<h4 class=\"pt-cv-title\"><a href=\"https:\/\/www.dmsjuridica.com\/buscador_20179478954\/corteconstitucionalcronologico202454587\/c-908-13\/\" class=\"_self\" target=\"_self\" >C-908-13<\/a><\/h4>\n<div class=\"pt-cv-content\">\u00a0 \u00a0 \u00a0 \u00a0 \u00a0 \u00a0C-908-13 \u00a0 \u00a0 \u00a0 \u00a0 \u00a0 \u00a0\u00a0 Sentencia C-908\/13 \u00a0 \u00a0 RESPONSABILIDAD DE FUNCIONARIO COMPETENTE QUE DECRETA SUSPENSION PROVISIONAL DE \u00a0 SERVIDOR PUBLICO-Alcance \u00a0 \u00a0 Para la Sala Plena resulta claro \u00a0 que la expresi\u00f3n \u201cresponsabilidad personal\u201d se refiere a la responsabilidad \u00a0 disciplinaria predicable del mal uso de la facultad del disciplinador de \u00a0 suspender provisionalmente al disciplinado antes del respectivo acto \u00a0 administrativo, por ejemplo, porque dicha suspensi\u00f3n se configure por \u00a0 extralimitaci\u00f3n de funciones u omisi\u00f3n de las mismas. Se explic\u00f3 pues, que la opci\u00f3n interpretativa planteada en \u00a0 la demanda no ...<br \/><div class=\"pt-cv-rmwrap\"><a href=\"https:\/\/www.dmsjuridica.com\/buscador_20179478954\/corteconstitucionalcronologico202454587\/c-908-13\/\" class=\"_self pt-cv-readmore btn btn-success\" target=\"_self\">Ver Sentencia Completa...<\/a><\/div><\/div><\/div><\/div>\n<div class=\"col-md-12 col-sm-12 col-xs-12 pt-cv-content-item pt-cv-1-col\" ><div class='pt-cv-ifield'><a href=\"https:\/\/www.dmsjuridica.com\/buscador_20179478954\/corteconstitucionalcronologico202454587\/c-855-13\/\" class=\"_self pt-cv-href-thumbnail pt-cv-thumb-default\" target=\"_self\" ><\/a>\n<div class=\"pt-cv-taxoterm above_title\"><a href='https:\/\/www.dmsjuridica.com\/buscador_20179478954\/corteconstitucionalcronologico202454587\/category\/buscar-en-toda-la-corte\/2013\/sentencias-2013\/' title='Sentencias 2013' class='pt-cv-tax-sentencias-2013'>Sentencias 2013<\/a><\/div>\n<h4 class=\"pt-cv-title\"><a href=\"https:\/\/www.dmsjuridica.com\/buscador_20179478954\/corteconstitucionalcronologico202454587\/c-855-13\/\" class=\"_self\" target=\"_self\" >C-855-13<\/a><\/h4>\n<div class=\"pt-cv-content\">\u00a0 \u00a0 \u00a0 \u00a0 \u00a0 \u00a0C-855-13 \u00a0 \u00a0 \u00a0 \u00a0 \u00a0 \u00a0\u00a0 Sentencia C-855\/13 \u00a0 \u00a0 NORMAS CONSTITUCIONALES QUE \u00a0 REGULAN FUERO PENAL MILITAR-Cosa juzgada constitucional \u00a0 \u00a0 La \u00a0 acci\u00f3n presentada atac\u00f3 distintos apartes del Acto Legislativo 02 de 2012, \u00a0 cuerpo normativo que se encontraba vigente al momento de formular la demanda por \u00a0 parte de los accionantes. Sin embargo, entre el momento en que la misma fue \u00a0 admitida -17 de junio de 2013- y la oportunidad en que se profiere la presente \u00a0 providencia, la sentencia C-740 de 23 de octubre de 2013 resolvi\u00f3 la demanda ...<br \/><div class=\"pt-cv-rmwrap\"><a href=\"https:\/\/www.dmsjuridica.com\/buscador_20179478954\/corteconstitucionalcronologico202454587\/c-855-13\/\" class=\"_self pt-cv-readmore btn btn-success\" target=\"_self\">Ver Sentencia Completa...<\/a><\/div><\/div><\/div><\/div>\n<div class=\"col-md-12 col-sm-12 col-xs-12 pt-cv-content-item pt-cv-1-col\" ><div class='pt-cv-ifield'><a href=\"https:\/\/www.dmsjuridica.com\/buscador_20179478954\/corteconstitucionalcronologico202454587\/c-854-13\/\" class=\"_self pt-cv-href-thumbnail pt-cv-thumb-default\" target=\"_self\" ><\/a>\n<div class=\"pt-cv-taxoterm above_title\"><a href='https:\/\/www.dmsjuridica.com\/buscador_20179478954\/corteconstitucionalcronologico202454587\/category\/buscar-en-toda-la-corte\/2013\/sentencias-2013\/' title='Sentencias 2013' class='pt-cv-tax-sentencias-2013'>Sentencias 2013<\/a><\/div>\n<h4 class=\"pt-cv-title\"><a href=\"https:\/\/www.dmsjuridica.com\/buscador_20179478954\/corteconstitucionalcronologico202454587\/c-854-13\/\" class=\"_self\" target=\"_self\" >C-854-13<\/a><\/h4>\n<div class=\"pt-cv-content\">\u00a0 \u00a0 \u00a0 \u00a0 \u00a0 \u00a0C-854-13 \u00a0 \u00a0 \u00a0 \u00a0 \u00a0 \u00a0\u00a0 Sentencia C-854\/13 \u00a0 \u00a0 INHIBICION DE LA CORTE CONSTITUCIONAL POR INEPTITUD SUSTANTIVA DE LA DEMANDA-Incumplimiento \u00a0 de requisitos de certeza, especificidad y suficiencia en los cargos \u00a0 \u00a0 INHIBICION DE LA CORTE CONSTITUCIONAL-Configuraci\u00f3n por ineptitud sustantiva de la demanda \u00a0 \u00a0 El estudio de la demanda de \u00a0 inconstitucionalidad presentada contra los art\u00edculos 45, 46 y 47 de la Ley 1551 \u00a0 de 2012, por la cual se dictan normas para modernizar la organizaci\u00f3n y el \u00a0 funcionamiento de los municipios, lleva a que la Sala concluya que ...<br \/><div class=\"pt-cv-rmwrap\"><a href=\"https:\/\/www.dmsjuridica.com\/buscador_20179478954\/corteconstitucionalcronologico202454587\/c-854-13\/\" class=\"_self pt-cv-readmore btn btn-success\" target=\"_self\">Ver Sentencia Completa...<\/a><\/div><\/div><\/div><\/div>\n<div class=\"col-md-12 col-sm-12 col-xs-12 pt-cv-content-item pt-cv-1-col\" ><div class='pt-cv-ifield'><a href=\"https:\/\/www.dmsjuridica.com\/buscador_20179478954\/corteconstitucionalcronologico202454587\/c-853-13\/\" class=\"_self pt-cv-href-thumbnail pt-cv-thumb-default\" target=\"_self\" ><\/a>\n<div class=\"pt-cv-taxoterm above_title\"><a href='https:\/\/www.dmsjuridica.com\/buscador_20179478954\/corteconstitucionalcronologico202454587\/category\/buscar-en-toda-la-corte\/2013\/sentencias-2013\/' title='Sentencias 2013' class='pt-cv-tax-sentencias-2013'>Sentencias 2013<\/a><\/div>\n<h4 class=\"pt-cv-title\"><a href=\"https:\/\/www.dmsjuridica.com\/buscador_20179478954\/corteconstitucionalcronologico202454587\/c-853-13\/\" class=\"_self\" target=\"_self\" >C-853-13<\/a><\/h4>\n<div class=\"pt-cv-content\">\u00a0 \u00a0 \u00a0 \u00a0 \u00a0 \u00a0C-853-13 \u00a0 \u00a0 \u00a0 \u00a0 \u00a0 \u00a0\u00a0 Sentencia C-853\/13 \u00a0 \u00a0 (Bogot\u00e1 D.C., 27 de noviembre) \u00a0 \u00a0 ACTIVIDADES DE ALTO RIESGO PARA SALUD DEL \u00a0 TRABAJADOR-Clasificaci\u00f3n\/ACTIVIDAD \u00a0 DE ALTO RIESGO PARA SALUD DEL TRABAJADOR-Contenido y alcance \u00a0 \u00a0 PROHIBICION DE NO MENOSCABO DE LOS DERECHOS \u00a0 LABORALES Y SOCIALES POR PARTE DE LEYES POSTERIORES-Recae sobre derechos adquiridos por el \u00a0 trabajador y no sobre expectativas sujetas a modificaci\u00f3n por parte de autoridad \u00a0 competente \u00a0 \u00a0 GARANTIA DE SEGURIDAD SOCIAL-No tiene el alcance de mantener en el tiempo \u00a0 el respaldo de reg\u00edmenes especiales ...<br \/><div class=\"pt-cv-rmwrap\"><a href=\"https:\/\/www.dmsjuridica.com\/buscador_20179478954\/corteconstitucionalcronologico202454587\/c-853-13\/\" class=\"_self pt-cv-readmore btn btn-success\" target=\"_self\">Ver Sentencia Completa...<\/a><\/div><\/div><\/div><\/div>\n<div class=\"col-md-12 col-sm-12 col-xs-12 pt-cv-content-item pt-cv-1-col\" ><div class='pt-cv-ifield'><a href=\"https:\/\/www.dmsjuridica.com\/buscador_20179478954\/corteconstitucionalcronologico202454587\/c-852-13\/\" class=\"_self pt-cv-href-thumbnail pt-cv-thumb-default\" target=\"_self\" ><\/a>\n<div class=\"pt-cv-taxoterm above_title\"><a href='https:\/\/www.dmsjuridica.com\/buscador_20179478954\/corteconstitucionalcronologico202454587\/category\/buscar-en-toda-la-corte\/2013\/sentencias-2013\/' title='Sentencias 2013' class='pt-cv-tax-sentencias-2013'>Sentencias 2013<\/a><\/div>\n<h4 class=\"pt-cv-title\"><a href=\"https:\/\/www.dmsjuridica.com\/buscador_20179478954\/corteconstitucionalcronologico202454587\/c-852-13\/\" class=\"_self\" target=\"_self\" >C-852-13<\/a><\/h4>\n<div class=\"pt-cv-content\">\u00a0 \u00a0 \u00a0 \u00a0 \u00a0 \u00a0C-852-13 \u00a0 \u00a0 \u00a0 \u00a0 \u00a0 \u00a0\u00a0 Sentencia C-852\/13 \u00a0 \u00a0 (27 de noviembre) \u00a0 \u00a0 FACULTADES DE INSPECCION, VIGILANCIA Y CONTROL DE \u00a0 SOCIEDADES DE GESTION COLECTIVA POR PARTE DE DIRECCION NACIONAL DE DERECHO DE \u00a0 AUTOR-Exequibilidad de los apartes demandados en los art\u00edculo \u00a0 26, 27, 37 y 38 de la Ley 44 de 1993 \u00a0 \u00a0 En el presente caso, la Corte examin\u00f3 \u00a0 la constitucionalidad de los art\u00edculos 26, 27, 37 y 38 de la Ley 44 de 1993. En la demanda se se\u00f1alaba que se \u00a0 desconoc\u00eda el art\u00edculo 150 ...<br \/><div class=\"pt-cv-rmwrap\"><a href=\"https:\/\/www.dmsjuridica.com\/buscador_20179478954\/corteconstitucionalcronologico202454587\/c-852-13\/\" class=\"_self pt-cv-readmore btn btn-success\" target=\"_self\">Ver Sentencia Completa...<\/a><\/div><\/div><\/div><\/div>\n<div class=\"col-md-12 col-sm-12 col-xs-12 pt-cv-content-item pt-cv-1-col\" ><div class='pt-cv-ifield'><a href=\"https:\/\/www.dmsjuridica.com\/buscador_20179478954\/corteconstitucionalcronologico202454587\/c-851-13\/\" class=\"_self pt-cv-href-thumbnail pt-cv-thumb-default\" target=\"_self\" ><\/a>\n<div class=\"pt-cv-taxoterm above_title\"><a href='https:\/\/www.dmsjuridica.com\/buscador_20179478954\/corteconstitucionalcronologico202454587\/category\/buscar-en-toda-la-corte\/2013\/sentencias-2013\/' title='Sentencias 2013' class='pt-cv-tax-sentencias-2013'>Sentencias 2013<\/a><\/div>\n<h4 class=\"pt-cv-title\"><a href=\"https:\/\/www.dmsjuridica.com\/buscador_20179478954\/corteconstitucionalcronologico202454587\/c-851-13\/\" class=\"_self\" target=\"_self\" >C-851-13<\/a><\/h4>\n<div class=\"pt-cv-content\">\u00a0 \u00a0 \u00a0 \u00a0 \u00a0 \u00a0C-851-13 \u00a0 \u00a0 \u00a0 \u00a0 \u00a0 \u00a0\u00a0 Sentencia C-851\/13 \u00a0 \u00a0 (Bogot\u00e1 DC, 27 de noviembre) \u00a0 \u00a0 MEDIDAS PARA FORMALIZAR EL SECTOR DEL ESPECTACULO \u00a0 PUBLICO DE LAS ARTES ESCENICAS-Inspecci\u00f3n, \u00a0 vigilancia, control y toma de posesi\u00f3n de las sociedades de gesti\u00f3n colectiva de \u00a0 derechos de autor y derechos conexos \u00a0 \u00a0 FACULTADES DE INSPECCION, VIGILANCIA Y CONTROL DE LAS \u00a0 SOCIEDADES DE GESTION COLECTIVA, POR PARTE DE LA DIRECCION NACIONAL DE DERECHO \u00a0 DE AUTOR-Expresi\u00f3n de la intervenci\u00f3n \u00a0 del estado en la econom\u00eda\/FACULTADES DE INSPECCION, VIGILANCIA Y CONTROL DE \u00a0 LAS ...<br \/><div class=\"pt-cv-rmwrap\"><a href=\"https:\/\/www.dmsjuridica.com\/buscador_20179478954\/corteconstitucionalcronologico202454587\/c-851-13\/\" class=\"_self pt-cv-readmore btn btn-success\" target=\"_self\">Ver Sentencia Completa...<\/a><\/div><\/div><\/div><\/div>\n<div class=\"col-md-12 col-sm-12 col-xs-12 pt-cv-content-item pt-cv-1-col\" ><div class='pt-cv-ifield'><a href=\"https:\/\/www.dmsjuridica.com\/buscador_20179478954\/corteconstitucionalcronologico202454587\/c-850-13\/\" class=\"_self pt-cv-href-thumbnail pt-cv-thumb-default\" target=\"_self\" ><\/a>\n<div class=\"pt-cv-taxoterm above_title\"><a href='https:\/\/www.dmsjuridica.com\/buscador_20179478954\/corteconstitucionalcronologico202454587\/category\/buscar-en-toda-la-corte\/2013\/sentencias-2013\/' title='Sentencias 2013' class='pt-cv-tax-sentencias-2013'>Sentencias 2013<\/a><\/div>\n<h4 class=\"pt-cv-title\"><a href=\"https:\/\/www.dmsjuridica.com\/buscador_20179478954\/corteconstitucionalcronologico202454587\/c-850-13\/\" class=\"_self\" target=\"_self\" >C-850-13<\/a><\/h4>\n<div class=\"pt-cv-content\">\u00a0 \u00a0 \u00a0 \u00a0 \u00a0 \u00a0C-850-13 \u00a0 \u00a0 \u00a0 \u00a0 \u00a0 \u00a0\u00a0 \u00a0Sentencia C-850\/13 \u00a0 \u00a0 (Bogot\u00e1, D.C., 27 de noviembre) \u00a0 \u00a0 CERTIFICADO DE \u00a0 APTITUD PSICOFISICA, MENTAL Y MOTRIZ PARA PORTE Y TENENCIA DE ARMAS DE FUEGO-Exequibilidad del par\u00e1grafo 3\u00b0 del art\u00edculo 3\u00b0 y expresi\u00f3n del \u00a0 par\u00e1grafo 1\u00b0 del art\u00edculo 3\u00b0 de la Ley 1539 de 2012 \u00a0 \u00a0 En el \u00a0 presente caso la Corte examin\u00f3 los par\u00e1grafos 1\u00ba (parcial) y 3\u00ba del art\u00edculo 3\u00ba\u00a0 \u00a0 de la Ley 1539 de 2012, \u201cpor medio de la cual se implementa el certificado de \u00a0 aptitud psicof\u00edsica para ...<br \/><div class=\"pt-cv-rmwrap\"><a href=\"https:\/\/www.dmsjuridica.com\/buscador_20179478954\/corteconstitucionalcronologico202454587\/c-850-13\/\" class=\"_self pt-cv-readmore btn btn-success\" target=\"_self\">Ver Sentencia Completa...<\/a><\/div><\/div><\/div><\/div>\n<div class=\"col-md-12 col-sm-12 col-xs-12 pt-cv-content-item pt-cv-1-col\" ><div class='pt-cv-ifield'><a href=\"https:\/\/www.dmsjuridica.com\/buscador_20179478954\/corteconstitucionalcronologico202454587\/c-841-13\/\" class=\"_self pt-cv-href-thumbnail pt-cv-thumb-default\" target=\"_self\" ><\/a>\n<div class=\"pt-cv-taxoterm above_title\"><a href='https:\/\/www.dmsjuridica.com\/buscador_20179478954\/corteconstitucionalcronologico202454587\/category\/buscar-en-toda-la-corte\/2013\/sentencias-2013\/' title='Sentencias 2013' class='pt-cv-tax-sentencias-2013'>Sentencias 2013<\/a><\/div>\n<h4 class=\"pt-cv-title\"><a href=\"https:\/\/www.dmsjuridica.com\/buscador_20179478954\/corteconstitucionalcronologico202454587\/c-841-13\/\" class=\"_self\" target=\"_self\" >C-841-13<\/a><\/h4>\n<div class=\"pt-cv-content\">\u00a0 \u00a0 \u00a0 \u00a0 \u00a0 \u00a0C-841-13 \u00a0 \u00a0 \u00a0 \u00a0 \u00a0 \u00a0\u00a0 Sentencia C-841\/13 \u00a0 \u00a0 REGIMEN PARA LOS DISTRITOS JUDICIALES-Moci\u00f3n de observaciones de los concejos distritales \u00a0 \u00a0 MOCION DE OBSERVACIONES DE LOS CONCEJOS DISTRITALES-Inhibici\u00f3n para decidir por ausencia de certeza \u00a0 y suficiencia del cargo formulado por la presunta omisi\u00f3n legislativa \u00a0 \u00a0 DEMANDA DE INCONSTITUCIONALIDAD-Requisitos relativos al contenido y carga \u00a0 argumentativa\/DEMANDA DE INCONSTITUCIONALIDAD-Exigencias materiales \u00a0 \u00a0 La Corte ha sistematizado las exigencias materiales que \u00a0 debe cumplir la demanda y ha se\u00f1alado que, sin caer en formalismos t\u00e9cnicos, \u00a0 incompatibles con la naturaleza popular y ciudadana ...<br \/><div class=\"pt-cv-rmwrap\"><a href=\"https:\/\/www.dmsjuridica.com\/buscador_20179478954\/corteconstitucionalcronologico202454587\/c-841-13\/\" class=\"_self pt-cv-readmore btn btn-success\" target=\"_self\">Ver Sentencia Completa...<\/a><\/div><\/div><\/div><\/div>\n<div class=\"col-md-12 col-sm-12 col-xs-12 pt-cv-content-item pt-cv-1-col\" ><div class='pt-cv-ifield'><a href=\"https:\/\/www.dmsjuridica.com\/buscador_20179478954\/corteconstitucionalcronologico202454587\/c-840-13\/\" class=\"_self pt-cv-href-thumbnail pt-cv-thumb-default\" target=\"_self\" ><\/a>\n<div class=\"pt-cv-taxoterm above_title\"><a href='https:\/\/www.dmsjuridica.com\/buscador_20179478954\/corteconstitucionalcronologico202454587\/category\/buscar-en-toda-la-corte\/2013\/sentencias-2013\/' title='Sentencias 2013' class='pt-cv-tax-sentencias-2013'>Sentencias 2013<\/a><\/div>\n<h4 class=\"pt-cv-title\"><a href=\"https:\/\/www.dmsjuridica.com\/buscador_20179478954\/corteconstitucionalcronologico202454587\/c-840-13\/\" class=\"_self\" target=\"_self\" >C-840-13<\/a><\/h4>\n<div class=\"pt-cv-content\">\u00a0 \u00a0 \u00a0 \u00a0 \u00a0 \u00a0C-840-13 \u00a0 \u00a0 \u00a0 \u00a0 \u00a0 \u00a0\u00a0 Sentencia C-840\/13 \u00a0 \u00a0 PARTICIPACION DE LOS PARTIDOS DE OPOSICION \u00a0 AL ALCALDE, EN LA PRIMERA VICEPRESIDENCIA DEL CONCEJO-Existencia de cosa juzgada \u00a0 \u00a0 La Sala constata que respecto del art\u00edculo 22 de la Ley 1551 \u00a0 de 2012 se configura plenamente el fen\u00f3meno de la cosa juzgada constitucional, \u00a0 ya que mediante reciente pronunciamiento, la Corte en el fallo C-699 de 2013 \u00a0 conoci\u00f3, analiz\u00f3 y declar\u00f3 la exequbilidad de esta misma disposici\u00f3n. \u00a0 \u00a0 COSA JUZGADA CONSTITUCIONAL-Jurisprudencia constitucional\/COSA JUZGADA \u00a0 CONSTITUCIONAL ABSOLUTA Y RELATIVA-Diferencias \u00a0 \u00a0 ...<br \/><div class=\"pt-cv-rmwrap\"><a href=\"https:\/\/www.dmsjuridica.com\/buscador_20179478954\/corteconstitucionalcronologico202454587\/c-840-13\/\" class=\"_self pt-cv-readmore btn btn-success\" target=\"_self\">Ver Sentencia Completa...<\/a><\/div><\/div><\/div><\/div>\n<div class=\"col-md-12 col-sm-12 col-xs-12 pt-cv-content-item pt-cv-1-col\" ><div class='pt-cv-ifield'><a href=\"https:\/\/www.dmsjuridica.com\/buscador_20179478954\/corteconstitucionalcronologico202454587\/c-839-13\/\" class=\"_self pt-cv-href-thumbnail pt-cv-thumb-default\" target=\"_self\" ><\/a>\n<div class=\"pt-cv-taxoterm above_title\"><a href='https:\/\/www.dmsjuridica.com\/buscador_20179478954\/corteconstitucionalcronologico202454587\/category\/buscar-en-toda-la-corte\/2013\/sentencias-2013\/' title='Sentencias 2013' class='pt-cv-tax-sentencias-2013'>Sentencias 2013<\/a><\/div>\n<h4 class=\"pt-cv-title\"><a href=\"https:\/\/www.dmsjuridica.com\/buscador_20179478954\/corteconstitucionalcronologico202454587\/c-839-13\/\" class=\"_self\" target=\"_self\" >C-839-13<\/a><\/h4>\n<div class=\"pt-cv-content\">\u00a0 \u00a0 \u00a0 \u00a0 \u00a0 \u00a0C-839-13 \u00a0 \u00a0 \u00a0 \u00a0 \u00a0 \u00a0\u00a0 Sentencia C-839\/13 \u00a0 \u00a0 CODIGO DE PROCEDIMIENTO PENAL-Suspensi\u00f3n o cancelaci\u00f3n de registros obtenidos \u00a0 fraudulentamente\/SUSPENSION O CANCELACION DE REGISTROS OBTENIDOS \u00a0 FRAUDULENTAMENTE-Facultad del fiscal y la v\u00edctima para solicitarla \u00a0 \u00a0 La posibilidad de que la v\u00edctima solicite la suspensi\u00f3n del poder dispositivo de los bienes \u00a0 sujetos a registro cuando existan motivos fundados para inferir que el t\u00edtulo de \u00a0 propiedad fue obtenido fraudulentamente en nada afecta la estructura o los principios del sistema penal \u00a0 acusatorio por los siguientes motivos: (i) Desde el punto de vista ...<br \/><div class=\"pt-cv-rmwrap\"><a href=\"https:\/\/www.dmsjuridica.com\/buscador_20179478954\/corteconstitucionalcronologico202454587\/c-839-13\/\" class=\"_self pt-cv-readmore btn btn-success\" target=\"_self\">Ver Sentencia Completa...<\/a><\/div><\/div><\/div><\/div>\n<div class=\"col-md-12 col-sm-12 col-xs-12 pt-cv-content-item pt-cv-1-col\" ><div class='pt-cv-ifield'><a href=\"https:\/\/www.dmsjuridica.com\/buscador_20179478954\/corteconstitucionalcronologico202454587\/c-838-13\/\" class=\"_self pt-cv-href-thumbnail pt-cv-thumb-default\" target=\"_self\" ><\/a>\n<div class=\"pt-cv-taxoterm above_title\"><a href='https:\/\/www.dmsjuridica.com\/buscador_20179478954\/corteconstitucionalcronologico202454587\/category\/buscar-en-toda-la-corte\/2013\/sentencias-2013\/' title='Sentencias 2013' class='pt-cv-tax-sentencias-2013'>Sentencias 2013<\/a><\/div>\n<h4 class=\"pt-cv-title\"><a href=\"https:\/\/www.dmsjuridica.com\/buscador_20179478954\/corteconstitucionalcronologico202454587\/c-838-13\/\" class=\"_self\" target=\"_self\" >C-838-13<\/a><\/h4>\n<div class=\"pt-cv-content\">\u00a0 \u00a0 \u00a0 \u00a0 \u00a0 \u00a0C-838-13 \u00a0 \u00a0 \u00a0 \u00a0 \u00a0 \u00a0\u00a0 Sentencia C-838\/13 \u00a0 \u00a0 RECURSO DESIERTO POR NO PAGO DE COPIAS REQUERIDAS PARA \u00a0 TRAMITAR APELACION-Consecuencia jur\u00eddica \u00a0 por incumplimiento de carga procesal\/PAGO DE COPIAS PREVIO A RESOLVER RECURSO \u00a0 DE APELACION-Necesidad de informar al apelante y su abogado\/CONSECUENCIA \u00a0 JURIDICA DE DECLARATORIA DE RECURSO DESIERTO-D\u00e9ficit de protecci\u00f3n en la \u00a0 garant\u00eda m\u00ednima del derecho a la defensa previa\/CONSECUENCIA JURIDICA DE \u00a0 DECLARATORIA DE RECURSO DESIERTO-Tensi\u00f3n entre el principio de celeridad \u00a0 procesal y el derecho a la defensa previa\/REQUERIMIENTO PREVIO PARA PAGO DE \u00a0 COPIAS ANTES DE ...<br \/><div class=\"pt-cv-rmwrap\"><a href=\"https:\/\/www.dmsjuridica.com\/buscador_20179478954\/corteconstitucionalcronologico202454587\/c-838-13\/\" class=\"_self pt-cv-readmore btn btn-success\" target=\"_self\">Ver Sentencia Completa...<\/a><\/div><\/div><\/div><\/div>\n<div class=\"col-md-12 col-sm-12 col-xs-12 pt-cv-content-item pt-cv-1-col\" ><div class='pt-cv-ifield'><a href=\"https:\/\/www.dmsjuridica.com\/buscador_20179478954\/corteconstitucionalcronologico202454587\/c-837-13\/\" class=\"_self pt-cv-href-thumbnail pt-cv-thumb-default\" target=\"_self\" ><\/a>\n<div class=\"pt-cv-taxoterm above_title\"><a href='https:\/\/www.dmsjuridica.com\/buscador_20179478954\/corteconstitucionalcronologico202454587\/category\/buscar-en-toda-la-corte\/2013\/sentencias-2013\/' title='Sentencias 2013' class='pt-cv-tax-sentencias-2013'>Sentencias 2013<\/a><\/div>\n<h4 class=\"pt-cv-title\"><a href=\"https:\/\/www.dmsjuridica.com\/buscador_20179478954\/corteconstitucionalcronologico202454587\/c-837-13\/\" class=\"_self\" target=\"_self\" >C-837-13<\/a><\/h4>\n<div class=\"pt-cv-content\">\u00a0 \u00a0 \u00a0 \u00a0 \u00a0 \u00a0C-837-13 \u00a0 \u00a0 \u00a0 \u00a0 \u00a0 \u00a0\u00a0 Sentencia C-837\/13 \u00a0 \u00a0 EXCLUSION DE PRENSA DIGITAL Y ESCRITA DE BENEFICIOS \u00a0 TRIBUTARIOS-Exequibilidad de apartes demandados contenidos en los \u00a0 art\u00edculos 2\u00b0, 3\u00b0, y 21 de Ley 98 de 1993 \u00a0 \u00a0 Las disposiciones demandadas no incurren en una omisi\u00f3n \u00a0 legislativa relativa, puesto que concurren varias diferencias entre los \u00a0 peri\u00f3dicos y la industria editorial en cuanto fen\u00f3menos econ\u00f3micos y \u00a0 comerciales, las cuales hacen razonable que el legislador disponga de un \u00a0 tratamiento diferenciado frente a los beneficios fiscales. Del mismo modo, la \u00a0 Corte ...<br \/><div class=\"pt-cv-rmwrap\"><a href=\"https:\/\/www.dmsjuridica.com\/buscador_20179478954\/corteconstitucionalcronologico202454587\/c-837-13\/\" class=\"_self pt-cv-readmore btn btn-success\" target=\"_self\">Ver Sentencia Completa...<\/a><\/div><\/div><\/div><\/div>\n<div class=\"col-md-12 col-sm-12 col-xs-12 pt-cv-content-item pt-cv-1-col\" ><div class='pt-cv-ifield'><a href=\"https:\/\/www.dmsjuridica.com\/buscador_20179478954\/corteconstitucionalcronologico202454587\/c-836-13\/\" class=\"_self pt-cv-href-thumbnail pt-cv-thumb-default\" target=\"_self\" ><\/a>\n<div class=\"pt-cv-taxoterm above_title\"><a href='https:\/\/www.dmsjuridica.com\/buscador_20179478954\/corteconstitucionalcronologico202454587\/category\/buscar-en-toda-la-corte\/2013\/sentencias-2013\/' title='Sentencias 2013' class='pt-cv-tax-sentencias-2013'>Sentencias 2013<\/a><\/div>\n<h4 class=\"pt-cv-title\"><a href=\"https:\/\/www.dmsjuridica.com\/buscador_20179478954\/corteconstitucionalcronologico202454587\/c-836-13\/\" class=\"_self\" target=\"_self\" >C-836-13<\/a><\/h4>\n<div class=\"pt-cv-content\">\u00a0 \u00a0 \u00a0 \u00a0 \u00a0 \u00a0C-836-13 \u00a0 \u00a0 \u00a0 \u00a0 \u00a0 \u00a0\u00a0 Sentencia C-836\/13 \u00a0 \u00a0 TERMINO DE CADUCIDAD DE LA ACCION DE RESPONSABILIDAD \u00a0 FISCAL-No configura una vulneraci\u00f3n \u00a0 del debido proceso administrativo \u00a0 \u00a0 El legislador estableci\u00f3 un t\u00e9rmino de caducidad de la \u00a0 acci\u00f3n fiscal siguiendo la jurisprudencia que en tal sentido hab\u00eda fijado esta \u00a0 Corte, fuera de lo cual al preverlo actu\u00f3 dentro del amplio margen de \u00a0 configuraci\u00f3n que se le reconoce en materia como la que ha sido objeto de \u00a0 examen, potestad configurativa que tambi\u00e9n se extiende a la inclusi\u00f3n de la ...<br \/><div class=\"pt-cv-rmwrap\"><a href=\"https:\/\/www.dmsjuridica.com\/buscador_20179478954\/corteconstitucionalcronologico202454587\/c-836-13\/\" class=\"_self pt-cv-readmore btn btn-success\" target=\"_self\">Ver Sentencia Completa...<\/a><\/div><\/div><\/div><\/div>\n<div class=\"col-md-12 col-sm-12 col-xs-12 pt-cv-content-item pt-cv-1-col\" ><div class='pt-cv-ifield'><a href=\"https:\/\/www.dmsjuridica.com\/buscador_20179478954\/corteconstitucionalcronologico202454587\/c-835-13\/\" class=\"_self pt-cv-href-thumbnail pt-cv-thumb-default\" target=\"_self\" ><\/a>\n<div class=\"pt-cv-taxoterm above_title\"><a href='https:\/\/www.dmsjuridica.com\/buscador_20179478954\/corteconstitucionalcronologico202454587\/category\/buscar-en-toda-la-corte\/2013\/sentencias-2013\/' title='Sentencias 2013' class='pt-cv-tax-sentencias-2013'>Sentencias 2013<\/a><\/div>\n<h4 class=\"pt-cv-title\"><a href=\"https:\/\/www.dmsjuridica.com\/buscador_20179478954\/corteconstitucionalcronologico202454587\/c-835-13\/\" class=\"_self\" target=\"_self\" >C-835-13<\/a><\/h4>\n<div class=\"pt-cv-content\">\u00a0 \u00a0 \u00a0 \u00a0 \u00a0 \u00a0C-835-13 \u00a0 \u00a0 \u00a0 \u00a0 \u00a0 \u00a0\u00a0 Sentencia C-835\/13 \u00a0 \u00a0 MEDIDAS PARA FORMALIZAR EL SECTOR DEL ESPECTACULO \u00a0 PUBLICO DE LAS ARTES ESCENICAS-Inspecci\u00f3n, \u00a0 vigilancia, control y toma de posesi\u00f3n de las sociedades de gesti\u00f3n colectiva de \u00a0 derechos de autor y derechos conexos \u00a0 \u00a0 La norma impugnada \u00a0 desconoce el debido proceso y el principio de legalidad, como quiera que al \u00a0 permitir a la Direcci\u00f3n Nacional de Derecho de Autor imponer cualquier medida \u00a0 cautelar inmediata que considere razonable para garantizar el adecuado ejercicio \u00a0 de sus funciones, el legislador paso ...<br \/><div class=\"pt-cv-rmwrap\"><a href=\"https:\/\/www.dmsjuridica.com\/buscador_20179478954\/corteconstitucionalcronologico202454587\/c-835-13\/\" class=\"_self pt-cv-readmore btn btn-success\" target=\"_self\">Ver Sentencia Completa...<\/a><\/div><\/div><\/div><\/div>\n<div class=\"col-md-12 col-sm-12 col-xs-12 pt-cv-content-item pt-cv-1-col\" ><div class='pt-cv-ifield'><a href=\"https:\/\/www.dmsjuridica.com\/buscador_20179478954\/corteconstitucionalcronologico202454587\/c-834-13\/\" class=\"_self pt-cv-href-thumbnail pt-cv-thumb-default\" target=\"_self\" ><\/a>\n<div class=\"pt-cv-taxoterm above_title\"><a href='https:\/\/www.dmsjuridica.com\/buscador_20179478954\/corteconstitucionalcronologico202454587\/category\/buscar-en-toda-la-corte\/2013\/sentencias-2013\/' title='Sentencias 2013' class='pt-cv-tax-sentencias-2013'>Sentencias 2013<\/a><\/div>\n<h4 class=\"pt-cv-title\"><a href=\"https:\/\/www.dmsjuridica.com\/buscador_20179478954\/corteconstitucionalcronologico202454587\/c-834-13\/\" class=\"_self\" target=\"_self\" >C-834-13<\/a><\/h4>\n<div class=\"pt-cv-content\">\u00a0 \u00a0 \u00a0 \u00a0 \u00a0 \u00a0C-834-13 \u00a0 \u00a0 \u00a0 \u00a0 \u00a0 \u00a0\u00a0 Sentencia \u00a0 C-834\/13 \u00a0 \u00a0 AUDIENCIA DE \u00a0 CONCILIACION EXTRAJUDICIAL ANTE JURISDICCION CONTENCIOSO ADMINISTRATIVA-Casos en que se solicitan medidas cautelares de car\u00e1cter no \u00a0 patrimonial no constituyen obst\u00e1culo de acceso a la administraci\u00f3n de justicia \u00a0 \u00a0 La \u00a0 jurisprudencia ha establecido una regla seg\u00fan la cual la realizaci\u00f3n de la \u00a0 audiencia de conciliaci\u00f3n no implica per se, y de forma general, una vulneraci\u00f3n \u00a0 del derecho de acceso a la administraci\u00f3n de justicia; por el contrario, en \u00a0 tanto mecanismo eficaz para la soluci\u00f3n de controversias, ...<br \/><div class=\"pt-cv-rmwrap\"><a href=\"https:\/\/www.dmsjuridica.com\/buscador_20179478954\/corteconstitucionalcronologico202454587\/c-834-13\/\" class=\"_self pt-cv-readmore btn btn-success\" target=\"_self\">Ver Sentencia Completa...<\/a><\/div><\/div><\/div><\/div>\n<div class=\"col-md-12 col-sm-12 col-xs-12 pt-cv-content-item pt-cv-1-col\" ><div class='pt-cv-ifield'><a href=\"https:\/\/www.dmsjuridica.com\/buscador_20179478954\/corteconstitucionalcronologico202454587\/c-833-13\/\" class=\"_self pt-cv-href-thumbnail pt-cv-thumb-default\" target=\"_self\" ><\/a>\n<div class=\"pt-cv-taxoterm above_title\"><a href='https:\/\/www.dmsjuridica.com\/buscador_20179478954\/corteconstitucionalcronologico202454587\/category\/buscar-en-toda-la-corte\/2013\/sentencias-2013\/' title='Sentencias 2013' class='pt-cv-tax-sentencias-2013'>Sentencias 2013<\/a><\/div>\n<h4 class=\"pt-cv-title\"><a href=\"https:\/\/www.dmsjuridica.com\/buscador_20179478954\/corteconstitucionalcronologico202454587\/c-833-13\/\" class=\"_self\" target=\"_self\" >C-833-13<\/a><\/h4>\n<div class=\"pt-cv-content\">\u00a0 \u00a0 \u00a0 \u00a0 \u00a0 \u00a0C-833-13 \u00a0 \u00a0 \u00a0 \u00a0 \u00a0 \u00a0\u00a0 Sentencia C-833\/13 \u00a0 \u00a0 INCLUSION COMO GANANCIA OCASIONAL DE ACTIVOS OMITIDOS Y PASIVOS INEXISTENTES EN \u00a0 DECLARACIONES DE RENTA Y COMPLEMENTARIOS DE 2012 Y 2013 O EN CORRECCIONES DE \u00a0 DECLARACIONES TRIBUTARIAS-Desconoce los \u00a0 principios de igualdad, equidad y justicia tributaria \u00a0 \u00a0 DEMANDA DE INCONSTITUCIONALIDAD DEL ARTICULO 163 DE LA LEY 1607 DE 2012-Inexequibilidad \u00a0 con efectos hacia el futuro \u00a0 \u00a0 La Corte declara la inexequibilidad del art\u00edculo \u00a0 163 de la Ley 1607 de 2012, con efectos a futuro. Esto \u00faltimo teniendo en cuenta \u00a0 ...<br \/><div class=\"pt-cv-rmwrap\"><a href=\"https:\/\/www.dmsjuridica.com\/buscador_20179478954\/corteconstitucionalcronologico202454587\/c-833-13\/\" class=\"_self pt-cv-readmore btn btn-success\" target=\"_self\">Ver Sentencia Completa...<\/a><\/div><\/div><\/div><\/div>\n<div class=\"col-md-12 col-sm-12 col-xs-12 pt-cv-content-item pt-cv-1-col\" ><div class='pt-cv-ifield'><a href=\"https:\/\/www.dmsjuridica.com\/buscador_20179478954\/corteconstitucionalcronologico202454587\/c-831-13\/\" class=\"_self pt-cv-href-thumbnail pt-cv-thumb-default\" target=\"_self\" ><\/a>\n<div class=\"pt-cv-taxoterm above_title\"><a href='https:\/\/www.dmsjuridica.com\/buscador_20179478954\/corteconstitucionalcronologico202454587\/category\/buscar-en-toda-la-corte\/2013\/sentencias-2013\/' title='Sentencias 2013' class='pt-cv-tax-sentencias-2013'>Sentencias 2013<\/a><\/div>\n<h4 class=\"pt-cv-title\"><a href=\"https:\/\/www.dmsjuridica.com\/buscador_20179478954\/corteconstitucionalcronologico202454587\/c-831-13\/\" class=\"_self\" target=\"_self\" >C-831-13<\/a><\/h4>\n<div class=\"pt-cv-content\">\u00a0 \u00a0 \u00a0 \u00a0 \u00a0 \u00a0C-831-13 \u00a0 \u00a0 \u00a0 \u00a0 \u00a0 \u00a0\u00a0 Sentencia C-831\/13 \u00a0 \u00a0 COSA JUZGADA CONSTITUCIONAL-Configuraci\u00f3n \u00a0 \u00a0 \u00a0 \u00a0\u00a0 Referencia: expediente D-9690 \u00a0 \u00a0 Demanda de inconstitucionalidad contra el art\u00edculo 24 \u2013parcial- de \u00a0 la ley 1551 de 2012 \u00a0\u201cPor la cual se dictan normas para modernizar la \u00a0 organizaci\u00f3n y el funcionamiento de los municipios\u201d. \u00a0 \u00a0 Magistrado Sustanciador: \u00a0 \u00a0 JORGE IGNACIO PRETELT CHALJUB \u00a0 \u00a0 Bogot\u00e1, D.C., \u00a0 trece (13) de noviembre de dos mil trece (2013) \u00a0 \u00a0 La Sala \u00a0 Plena de la Corte Constitucional, \u00a0 conformada por los magistrados Jorge ...<br \/><div class=\"pt-cv-rmwrap\"><a href=\"https:\/\/www.dmsjuridica.com\/buscador_20179478954\/corteconstitucionalcronologico202454587\/c-831-13\/\" class=\"_self pt-cv-readmore btn btn-success\" target=\"_self\">Ver Sentencia Completa...<\/a><\/div><\/div><\/div><\/div>\n<div class=\"col-md-12 col-sm-12 col-xs-12 pt-cv-content-item pt-cv-1-col\" ><div class='pt-cv-ifield'><a href=\"https:\/\/www.dmsjuridica.com\/buscador_20179478954\/corteconstitucionalcronologico202454587\/c-830-13\/\" class=\"_self pt-cv-href-thumbnail pt-cv-thumb-default\" target=\"_self\" ><\/a>\n<div class=\"pt-cv-taxoterm above_title\"><a href='https:\/\/www.dmsjuridica.com\/buscador_20179478954\/corteconstitucionalcronologico202454587\/category\/buscar-en-toda-la-corte\/2013\/sentencias-2013\/' title='Sentencias 2013' class='pt-cv-tax-sentencias-2013'>Sentencias 2013<\/a><\/div>\n<h4 class=\"pt-cv-title\"><a href=\"https:\/\/www.dmsjuridica.com\/buscador_20179478954\/corteconstitucionalcronologico202454587\/c-830-13\/\" class=\"_self\" target=\"_self\" >C-830-13<\/a><\/h4>\n<div class=\"pt-cv-content\">\u00a0 \u00a0 \u00a0 \u00a0 \u00a0 \u00a0C-830-13 \u00a0 \u00a0 \u00a0 \u00a0 \u00a0 \u00a0\u00a0 Sentencia C-830\/13 \u00a0 \u00a0 (Bogot\u00e1 D.C., 13 de noviembre) \u00a0 \u00a0 CONCILIACION PREJUDICIAL COMO REQUISITO DE PROCEDIBILIDAD DE PROCESOS \u00a0 EJECUTIVOS CONTRA MUNICIPIOS EN ARTICULO 47 DE LA LEY 1551 DE 2012-Cosa juzgada constitucional \u00a0 \u00a0 CONCILIACION PREJUDICIAL COMO REQUISITO DE PROCEDIBILIDAD DE PROCESOS \u00a0 EJECUTIVOS CONTRA MUNICIPIOS EN ARTICULO 47 DE LA LEY 1551 DE 2012-Exequibilidad \u00a0 del primer inciso del par\u00e1grafo transitorio del art\u00edculo 47 de la Ley 1551 de \u00a0 2012, bajo el entendido que suspensi\u00f3n y convocatoria no procede cuando en el \u00a0 proceso ...<br \/><div class=\"pt-cv-rmwrap\"><a href=\"https:\/\/www.dmsjuridica.com\/buscador_20179478954\/corteconstitucionalcronologico202454587\/c-830-13\/\" class=\"_self pt-cv-readmore btn btn-success\" target=\"_self\">Ver Sentencia Completa...<\/a><\/div><\/div><\/div><\/div>\n<div class=\"col-md-12 col-sm-12 col-xs-12 pt-cv-content-item pt-cv-1-col\" ><div class='pt-cv-ifield'><a href=\"https:\/\/www.dmsjuridica.com\/buscador_20179478954\/corteconstitucionalcronologico202454587\/c-829-13\/\" class=\"_self pt-cv-href-thumbnail pt-cv-thumb-default\" target=\"_self\" ><\/a>\n<div class=\"pt-cv-taxoterm above_title\"><a href='https:\/\/www.dmsjuridica.com\/buscador_20179478954\/corteconstitucionalcronologico202454587\/category\/buscar-en-toda-la-corte\/2013\/sentencias-2013\/' title='Sentencias 2013' class='pt-cv-tax-sentencias-2013'>Sentencias 2013<\/a><\/div>\n<h4 class=\"pt-cv-title\"><a href=\"https:\/\/www.dmsjuridica.com\/buscador_20179478954\/corteconstitucionalcronologico202454587\/c-829-13\/\" class=\"_self\" target=\"_self\" >C-829-13<\/a><\/h4>\n<div class=\"pt-cv-content\">Sentencia C-829\/13 \u00a0 \u00a0 (Bogot\u00e1 DC, 13 de noviembre) \u00a0 \u00a0 CONVENIO SOBRE RESPONSABILIDAD \u00a0 INTERNACIONAL CAUSADA POR OBJETOS ESPACIALES-Se ajusta a la Constituci\u00f3n \u00a0 Pol\u00edtica, tanto en su aspecto formal como en su contenido material \u00a0 \u00a0 El examen de validez formal del \u201cConvenio \u00a0 sobre la Responsabilidad Internacional de da\u00f1os causados por objetos \u00a0 espaciales\u201d, hecho en Washington, Londres y Mosc\u00fa, el 29 de marzo de 1972, \u00a0y su Ley\u00a0 aprobatoria, arroja para la Corte que: (i) es v\u00e1lida la firma, \u00a0 aprobaci\u00f3n y ratificaci\u00f3n del Convenio y (ii) se observaron las reglas propias \u00a0 del tr\u00e1mite legislativo ...<br \/><div class=\"pt-cv-rmwrap\"><a href=\"https:\/\/www.dmsjuridica.com\/buscador_20179478954\/corteconstitucionalcronologico202454587\/c-829-13\/\" class=\"_self pt-cv-readmore btn btn-success\" target=\"_self\">Ver Sentencia Completa...<\/a><\/div><\/div><\/div><\/div>\n<div class=\"col-md-12 col-sm-12 col-xs-12 pt-cv-content-item pt-cv-1-col\" ><div class='pt-cv-ifield'><a href=\"https:\/\/www.dmsjuridica.com\/buscador_20179478954\/corteconstitucionalcronologico202454587\/c-828-13\/\" class=\"_self pt-cv-href-thumbnail pt-cv-thumb-default\" target=\"_self\" ><\/a>\n<div class=\"pt-cv-taxoterm above_title\"><a href='https:\/\/www.dmsjuridica.com\/buscador_20179478954\/corteconstitucionalcronologico202454587\/category\/buscar-en-toda-la-corte\/2013\/sentencias-2013\/' title='Sentencias 2013' class='pt-cv-tax-sentencias-2013'>Sentencias 2013<\/a><\/div>\n<h4 class=\"pt-cv-title\"><a href=\"https:\/\/www.dmsjuridica.com\/buscador_20179478954\/corteconstitucionalcronologico202454587\/c-828-13\/\" class=\"_self\" target=\"_self\" >C-828-13<\/a><\/h4>\n<div class=\"pt-cv-content\">\u00a0 \u00a0 \u00a0 \u00a0 \u00a0 \u00a0C-828-13 \u00a0 \u00a0 \u00a0 \u00a0 \u00a0 \u00a0\u00a0 Sentencia C-828\/13 \u00a0 \u00a0 ACUERDO DE COOPERACION EN MATERIA DE TURISMO ENTRE \u00a0 COLOMBIA Y PORTUGAL-Se ajusta a los \u00a0 principios y preceptos constitucionales \u00a0 \u00a0 El acuerdo binacional aprobado mediante la ley 1586 de \u00a0 2012, y esta misma, se ajustan a la constituci\u00f3n pol\u00edtica, primero en sus \u00a0 aspectos formales, al haber satisfecho cabalmente los requisitos procedimentales \u00a0 normativamente establecidos al efecto. igualmente en lo material, por cuanto sin \u00a0 contrariedad alguna frente a la preceptiva superior colombiana, cumple el \u00a0 prop\u00f3sito perseguido, que en este ...<br \/><div class=\"pt-cv-rmwrap\"><a href=\"https:\/\/www.dmsjuridica.com\/buscador_20179478954\/corteconstitucionalcronologico202454587\/c-828-13\/\" class=\"_self pt-cv-readmore btn btn-success\" target=\"_self\">Ver Sentencia Completa...<\/a><\/div><\/div><\/div><\/div>\n<div class=\"col-md-12 col-sm-12 col-xs-12 pt-cv-content-item pt-cv-1-col\" ><div class='pt-cv-ifield'><a href=\"https:\/\/www.dmsjuridica.com\/buscador_20179478954\/corteconstitucionalcronologico202454587\/c-827-13\/\" class=\"_self pt-cv-href-thumbnail pt-cv-thumb-default\" target=\"_self\" ><\/a>\n<div class=\"pt-cv-taxoterm above_title\"><a href='https:\/\/www.dmsjuridica.com\/buscador_20179478954\/corteconstitucionalcronologico202454587\/category\/buscar-en-toda-la-corte\/2013\/sentencias-2013\/' title='Sentencias 2013' class='pt-cv-tax-sentencias-2013'>Sentencias 2013<\/a><\/div>\n<h4 class=\"pt-cv-title\"><a href=\"https:\/\/www.dmsjuridica.com\/buscador_20179478954\/corteconstitucionalcronologico202454587\/c-827-13\/\" class=\"_self\" target=\"_self\" >C-827-13<\/a><\/h4>\n<div class=\"pt-cv-content\">\u00a0 \u00a0 \u00a0 \u00a0 \u00a0 \u00a0C-827-13 \u00a0 \u00a0 \u00a0 \u00a0 \u00a0 \u00a0\u00a0 Sentencia C-827\/13 \u00a0 \u00a0 SustituciOn de medida de aseguramiento y deber \u00a0 de postulados de continuar en proceso de desmovilizacion, EN LEY DE \u00a0 REINCORPORACION DE MIEMBROS DE GRUPOS ARMADOS-Inhibici\u00f3n para decidir de fondo por falta \u00a0 de legitimaci\u00f3n \u00a0 \u00a0 RESOCIALIZACION Y REINTEGRACION DE POSTULADOS EN DETENCION PREVENTIVA Y DE \u00a0 CONDENADOS A LA PENA ALTERNATIVA-Contenido \u00a0 \u00a0 ACCION PUBLICA DE INCONSTITUCIONALIDAD-Legitimaci\u00f3n\/SUSPENSION \u00a0 EN EL EJERCICIO DE DERECHOS POLITICOS-Carencia de legitimaci\u00f3n para ejercer \u00a0 acci\u00f3n p\u00fablica de inconstitucionalidad \u00a0 \u00a0 DEMANDA DE INCONSTITUCIONALIDAD-Calidades \u00a0 para su presentaci\u00f3n ...<br \/><div class=\"pt-cv-rmwrap\"><a href=\"https:\/\/www.dmsjuridica.com\/buscador_20179478954\/corteconstitucionalcronologico202454587\/c-827-13\/\" class=\"_self pt-cv-readmore btn btn-success\" target=\"_self\">Ver Sentencia Completa...<\/a><\/div><\/div><\/div><\/div>\n<div class=\"col-md-12 col-sm-12 col-xs-12 pt-cv-content-item pt-cv-1-col\" ><div class='pt-cv-ifield'><a href=\"https:\/\/www.dmsjuridica.com\/buscador_20179478954\/corteconstitucionalcronologico202454587\/c-826-13\/\" class=\"_self pt-cv-href-thumbnail pt-cv-thumb-default\" target=\"_self\" ><\/a>\n<div class=\"pt-cv-taxoterm above_title\"><a href='https:\/\/www.dmsjuridica.com\/buscador_20179478954\/corteconstitucionalcronologico202454587\/category\/buscar-en-toda-la-corte\/2013\/sentencias-2013\/' title='Sentencias 2013' class='pt-cv-tax-sentencias-2013'>Sentencias 2013<\/a><\/div>\n<h4 class=\"pt-cv-title\"><a href=\"https:\/\/www.dmsjuridica.com\/buscador_20179478954\/corteconstitucionalcronologico202454587\/c-826-13\/\" class=\"_self\" target=\"_self\" >C-826-13<\/a><\/h4>\n<div class=\"pt-cv-content\">\u00a0 \u00a0 \u00a0 \u00a0 \u00a0 \u00a0C-826-13 \u00a0 \u00a0 \u00a0 \u00a0 \u00a0 \u00a0\u00a0 Sentencia C-826\/13 \u00a0 \u00a0 CREACION E \u00a0 IMPLEMENTACION DE SISTEMA DE CONTROL DE CALIDAD EN LAS ENTIDADES ESTATALES-Exequibilidad de \u00a0 los art\u00edculos 1\u00b0 y 2\u00b0 de la Ley 872 de 2003 \u00a0 \u00a0 La Corte concluye que los art\u00edculos 1 y 2 de la Ley 782 de 2003 son exequibles \u00a0 por los cargos analizados en este proceso de constitucionalidad, ya que: (i) Es \u00a0 necesario diferenciar entre el\u00a0 Control Interno, Control Disciplinario, \u00a0 Control Fiscal y Sistema de Gesti\u00f3n de Calidad, ya que el sistema de Control ...<br \/><div class=\"pt-cv-rmwrap\"><a href=\"https:\/\/www.dmsjuridica.com\/buscador_20179478954\/corteconstitucionalcronologico202454587\/c-826-13\/\" class=\"_self pt-cv-readmore btn btn-success\" target=\"_self\">Ver Sentencia Completa...<\/a><\/div><\/div><\/div><\/div>\n<div class=\"col-md-12 col-sm-12 col-xs-12 pt-cv-content-item pt-cv-1-col\" ><div class='pt-cv-ifield'><a href=\"https:\/\/www.dmsjuridica.com\/buscador_20179478954\/corteconstitucionalcronologico202454587\/c-824-13\/\" class=\"_self pt-cv-href-thumbnail pt-cv-thumb-default\" target=\"_self\" ><\/a>\n<div class=\"pt-cv-taxoterm above_title\"><a href='https:\/\/www.dmsjuridica.com\/buscador_20179478954\/corteconstitucionalcronologico202454587\/category\/buscar-en-toda-la-corte\/2013\/sentencias-2013\/' title='Sentencias 2013' class='pt-cv-tax-sentencias-2013'>Sentencias 2013<\/a><\/div>\n<h4 class=\"pt-cv-title\"><a href=\"https:\/\/www.dmsjuridica.com\/buscador_20179478954\/corteconstitucionalcronologico202454587\/c-824-13\/\" class=\"_self\" target=\"_self\" >C-824-13<\/a><\/h4>\n<div class=\"pt-cv-content\">\u00a0 \u00a0 \u00a0 \u00a0 \u00a0 \u00a0C-824-13 \u00a0 \u00a0 \u00a0 \u00a0 \u00a0 \u00a0\u00a0 Sentencia \u00a0C \u00a0- 8 2 4 \/ 13 \u00a0 \u00a0 CONTRALORIA GENERAL DE LA \u00a0 REPUBLICA-Aplicaci\u00f3n de la carrera administrativa como regla general y \u00a0 principio axial de la Constituci\u00f3n, que garantiza el acceso al servicio p\u00fablico \u00a0 en raz\u00f3n del m\u00e9rito \u00a0 \u00a0 MECANISMOS DE PREVENCION, \u00a0 INVESTIGACION Y SANCION DE ACTOS DE CORRUPCION Y EFECTIVIDAD DEL CONTROL DE \u00a0 GESTION PUBLICA-Contenido\/MECANISMOS \u00a0 DE PREVENCION, INVESTIGACION Y SANCION DE ACTOS DE CORRUPCION Y EFECTIVIDAD DEL \u00a0 CONTROL DE GESTION PUBLICA-Finalidad \u00a0 \u00a0 La Ley 1474 de 2011, ...<br \/><div class=\"pt-cv-rmwrap\"><a href=\"https:\/\/www.dmsjuridica.com\/buscador_20179478954\/corteconstitucionalcronologico202454587\/c-824-13\/\" class=\"_self pt-cv-readmore btn btn-success\" target=\"_self\">Ver Sentencia Completa...<\/a><\/div><\/div><\/div><\/div>\n<div class=\"col-md-12 col-sm-12 col-xs-12 pt-cv-content-item pt-cv-1-col\" ><div class='pt-cv-ifield'><a href=\"https:\/\/www.dmsjuridica.com\/buscador_20179478954\/corteconstitucionalcronologico202454587\/c-766-13\/\" class=\"_self pt-cv-href-thumbnail pt-cv-thumb-default\" target=\"_self\" ><\/a>\n<div class=\"pt-cv-taxoterm above_title\"><a href='https:\/\/www.dmsjuridica.com\/buscador_20179478954\/corteconstitucionalcronologico202454587\/category\/buscar-en-toda-la-corte\/2013\/sentencias-2013\/' title='Sentencias 2013' class='pt-cv-tax-sentencias-2013'>Sentencias 2013<\/a><\/div>\n<h4 class=\"pt-cv-title\"><a href=\"https:\/\/www.dmsjuridica.com\/buscador_20179478954\/corteconstitucionalcronologico202454587\/c-766-13\/\" class=\"_self\" target=\"_self\" >C-766-13<\/a><\/h4>\n<div class=\"pt-cv-content\">\u00a0 \u00a0 \u00a0 \u00a0 \u00a0 \u00a0C-766-13 \u00a0 \u00a0 \u00a0 \u00a0 \u00a0 \u00a0\u00a0 Sentencia C-766\/13 \u00a0 \u00a0 EXENCION TRIBUTARIA EN OPERACIONES DE FACTORING REALIZADAS POR ENTIDADES \u00a0 VIGILADAS POR SUPERINTENDENCIA DE SOCIEDADES, FINANCIERA Y\/O DE ECONOMIA \u00a0 SOLIDARIA-Inexequibilidad de expresiones acusadas contenidas en el \u00a0 art\u00edculo 132 de la Ley 1607 de 2012 y exequibilidad condicionada del resto del \u00a0 art\u00edculo \u00a0 \u00a0 CONTROL DE CONSTITUCIONALIDAD-Improcedencia \u00a0 sobre nuevo cargo planteado por el Procurador General \u00a0 \u00a0 Esta Corporaci\u00f3n se ha pronunciado de forma reiterada en \u00a0 el sentido de manifestar que, si bien en principio la Corte tiene competencia \u00a0 ...<br \/><div class=\"pt-cv-rmwrap\"><a href=\"https:\/\/www.dmsjuridica.com\/buscador_20179478954\/corteconstitucionalcronologico202454587\/c-766-13\/\" class=\"_self pt-cv-readmore btn btn-success\" target=\"_self\">Ver Sentencia Completa...<\/a><\/div><\/div><\/div><\/div>\n<div class=\"col-md-12 col-sm-12 col-xs-12 pt-cv-content-item pt-cv-1-col\" ><div class='pt-cv-ifield'><a href=\"https:\/\/www.dmsjuridica.com\/buscador_20179478954\/corteconstitucionalcronologico202454587\/c-765-13\/\" class=\"_self pt-cv-href-thumbnail pt-cv-thumb-default\" target=\"_self\" ><\/a>\n<div class=\"pt-cv-taxoterm above_title\"><a href='https:\/\/www.dmsjuridica.com\/buscador_20179478954\/corteconstitucionalcronologico202454587\/category\/buscar-en-toda-la-corte\/2013\/sentencias-2013\/' title='Sentencias 2013' class='pt-cv-tax-sentencias-2013'>Sentencias 2013<\/a><\/div>\n<h4 class=\"pt-cv-title\"><a href=\"https:\/\/www.dmsjuridica.com\/buscador_20179478954\/corteconstitucionalcronologico202454587\/c-765-13\/\" class=\"_self\" target=\"_self\" >C-765-13<\/a><\/h4>\n<div class=\"pt-cv-content\">\u00a0 \u00a0 \u00a0 \u00a0 \u00a0 \u00a0C-765-13 \u00a0 \u00a0 \u00a0 \u00a0 \u00a0 \u00a0\u00a0 Sentencia C-765\/13 \u00a0 \u00a0 INICIACION DEL PROCESO \u00a0 ARBITRAL-Contenido y alcance \u00a0 \u00a0 CENTRO DE ARBITRAJE-Determinaci\u00f3n \u00a0 de las competencias\/CENTRO DE ARBITRAJE-Competencias\/CENTRO DE \u00a0 ARBITRAJE-Criterios para determinar funciones \u00a0 \u00a0 La determinaci\u00f3n que realiza \u00a0 el centro de arbitraje hace referencia a la competencia para desarrollar las \u00a0 labores administrativas que le asignan, entre otros, los art\u00edculos 14, 20 y 23 \u00a0 de la propia ley 1563 de 2012 -determinaci\u00f3n que implica la verificaci\u00f3n de las \u00a0 reglas de competencia previstas en el art\u00edculo 12 de la misma ...<br \/><div class=\"pt-cv-rmwrap\"><a href=\"https:\/\/www.dmsjuridica.com\/buscador_20179478954\/corteconstitucionalcronologico202454587\/c-765-13\/\" class=\"_self pt-cv-readmore btn btn-success\" target=\"_self\">Ver Sentencia Completa...<\/a><\/div><\/div><\/div><\/div>\n<div class=\"col-md-12 col-sm-12 col-xs-12 pt-cv-content-item pt-cv-1-col\" ><div class='pt-cv-ifield'><a href=\"https:\/\/www.dmsjuridica.com\/buscador_20179478954\/corteconstitucionalcronologico202454587\/c-764-13\/\" class=\"_self pt-cv-href-thumbnail pt-cv-thumb-default\" target=\"_self\" ><\/a>\n<div class=\"pt-cv-taxoterm above_title\"><a href='https:\/\/www.dmsjuridica.com\/buscador_20179478954\/corteconstitucionalcronologico202454587\/category\/buscar-en-toda-la-corte\/2013\/sentencias-2013\/' title='Sentencias 2013' class='pt-cv-tax-sentencias-2013'>Sentencias 2013<\/a><\/div>\n<h4 class=\"pt-cv-title\"><a href=\"https:\/\/www.dmsjuridica.com\/buscador_20179478954\/corteconstitucionalcronologico202454587\/c-764-13\/\" class=\"_self\" target=\"_self\" >C-764-13<\/a><\/h4>\n<div class=\"pt-cv-content\">\u00a0 \u00a0 \u00a0 \u00a0 \u00a0 \u00a0C-764-13 \u00a0 \u00a0 \u00a0 \u00a0 \u00a0 \u00a0\u00a0 Sentencia C-764\/13 \u00a0 \u00a0 OBJECIONES \u00a0 GUBERNAMENTALES A PROYECTO DE LEY QUE RINDE HOMENAJE A LA VIDA Y OBRA DEL \u00a0 MAESTRO DE LA MUSICA VALLENATA LEANDRO DIAZ-Fundadas \u00a0 \u00a0 La Sala deduce que s\u00ed se presenta el \u00a0 doble pago mencionado por el Gobierno en la medida que el proyecto de ley prev\u00e9 \u00a0 el desembolso de una indemnizaci\u00f3n previa para los propietarios de los derechos \u00a0 patrimoniales de autor diferentes al homenajeado y a favor del maestro. Adem\u00e1s, \u00a0 siendo inconstitucional el art\u00edculo 6\u00ba del proyecto ...<br \/><div class=\"pt-cv-rmwrap\"><a href=\"https:\/\/www.dmsjuridica.com\/buscador_20179478954\/corteconstitucionalcronologico202454587\/c-764-13\/\" class=\"_self pt-cv-readmore btn btn-success\" target=\"_self\">Ver Sentencia Completa...<\/a><\/div><\/div><\/div><\/div>\n<div class=\"col-md-12 col-sm-12 col-xs-12 pt-cv-content-item pt-cv-1-col\" ><div class='pt-cv-ifield'><a href=\"https:\/\/www.dmsjuridica.com\/buscador_20179478954\/corteconstitucionalcronologico202454587\/c-758-13\/\" class=\"_self pt-cv-href-thumbnail pt-cv-thumb-default\" target=\"_self\" ><\/a>\n<div class=\"pt-cv-taxoterm above_title\"><a href='https:\/\/www.dmsjuridica.com\/buscador_20179478954\/corteconstitucionalcronologico202454587\/category\/buscar-en-toda-la-corte\/2013\/sentencias-2013\/' title='Sentencias 2013' class='pt-cv-tax-sentencias-2013'>Sentencias 2013<\/a><\/div>\n<h4 class=\"pt-cv-title\"><a href=\"https:\/\/www.dmsjuridica.com\/buscador_20179478954\/corteconstitucionalcronologico202454587\/c-758-13\/\" class=\"_self\" target=\"_self\" >C-758-13<\/a><\/h4>\n<div class=\"pt-cv-content\">\u00a0 \u00a0 \u00a0 \u00a0 \u00a0 \u00a0C-758-13 \u00a0 \u00a0 \u00a0 \u00a0 \u00a0 \u00a0\u00a0 Sentencia C-758\/13 \u00a0 \u00a0 RETIRO DEL SERVICIO DE SOLDADOS PROFESIONALES, A \u00a0 SOLICITUD DE COMANDANTES DE UNIDAD OPERATIVA RESPECTIVA-Exequibilidad condicionada \u00a0 \u00a0 NORMAS EN MATERIA DE FUERZAS MILITARES Y POLICIA \u00a0 NACIONAL-Facultades extraordinarias \u00a0 \u00a0 COSA JUZGADA CONSTITUCIONAL-Jurisprudencia constitucional\/COSA JUZGADA RELATIVA-Jurisprudencia \u00a0 constitucional \u00a0 \u00a0 La Cosa Juzgada ha sido objeto de diversos pronunciamientos por parte \u00a0 de esta Corporaci\u00f3n, defini\u00e9ndosele como una instituci\u00f3n jur\u00eddico procesal mediante la cual se otorga a las \u00a0 decisiones plasmadas en una sentencia de constitucionalidad, el car\u00e1cter de \u00a0 inmutables, vinculantes y ...<br \/><div class=\"pt-cv-rmwrap\"><a href=\"https:\/\/www.dmsjuridica.com\/buscador_20179478954\/corteconstitucionalcronologico202454587\/c-758-13\/\" class=\"_self pt-cv-readmore btn btn-success\" target=\"_self\">Ver Sentencia Completa...<\/a><\/div><\/div><\/div><\/div>\n<div class=\"col-md-12 col-sm-12 col-xs-12 pt-cv-content-item pt-cv-1-col\" ><div class='pt-cv-ifield'><a href=\"https:\/\/www.dmsjuridica.com\/buscador_20179478954\/corteconstitucionalcronologico202454587\/c-757-13\/\" class=\"_self pt-cv-href-thumbnail pt-cv-thumb-default\" target=\"_self\" ><\/a>\n<div class=\"pt-cv-taxoterm above_title\"><a href='https:\/\/www.dmsjuridica.com\/buscador_20179478954\/corteconstitucionalcronologico202454587\/category\/buscar-en-toda-la-corte\/2013\/sentencias-2013\/' title='Sentencias 2013' class='pt-cv-tax-sentencias-2013'>Sentencias 2013<\/a><\/div>\n<h4 class=\"pt-cv-title\"><a href=\"https:\/\/www.dmsjuridica.com\/buscador_20179478954\/corteconstitucionalcronologico202454587\/c-757-13\/\" class=\"_self\" target=\"_self\" >C-757-13<\/a><\/h4>\n<div class=\"pt-cv-content\">\u00a0 \u00a0 \u00a0 \u00a0 \u00a0 \u00a0C-757-13 \u00a0 \u00a0 \u00a0 \u00a0 \u00a0 \u00a0\u00a0 Sentencia C-757\/13 \u00a0 \u00a0 REGIMEN DISCIPLINARIO PARA LA \u00a0 POLICIA NACIONAL-Destinatarios \u00a0 \u00a0 REGIMEN DISCIPLINARIO PARA LA \u00a0 POLICIA NACIONAL-Autoridades con atribuciones disciplinarias \u00a0 \u00a0 JUEZ NATURAL-Concepto\/DEBIDO \u00a0 PROCESO-Aplicaci\u00f3n del principio del juez natural\/COMPETENCIA-Definici\u00f3n \u00a0 \u00a0 Esta Corte ha establecido que el juez natural es, \u201caqu\u00e9l a \u00a0 quien la Constituci\u00f3n o la ley le ha atribuido el conocimiento de un determinado \u00a0 asunto\u201d. Por otro lado, la misma Corporaci\u00f3n ha sostenido que el \"Juez o Tribunal \u00a0 competente\" es una garant\u00eda consignada en el inciso segundo del ...<br \/><div class=\"pt-cv-rmwrap\"><a href=\"https:\/\/www.dmsjuridica.com\/buscador_20179478954\/corteconstitucionalcronologico202454587\/c-757-13\/\" class=\"_self pt-cv-readmore btn btn-success\" target=\"_self\">Ver Sentencia Completa...<\/a><\/div><\/div><\/div><\/div>\n<div class=\"col-md-12 col-sm-12 col-xs-12 pt-cv-content-item pt-cv-1-col\" ><div class='pt-cv-ifield'><a href=\"https:\/\/www.dmsjuridica.com\/buscador_20179478954\/corteconstitucionalcronologico202454587\/c-756-13\/\" class=\"_self pt-cv-href-thumbnail pt-cv-thumb-default\" target=\"_self\" ><\/a>\n<div class=\"pt-cv-taxoterm above_title\"><a href='https:\/\/www.dmsjuridica.com\/buscador_20179478954\/corteconstitucionalcronologico202454587\/category\/buscar-en-toda-la-corte\/2013\/sentencias-2013\/' title='Sentencias 2013' class='pt-cv-tax-sentencias-2013'>Sentencias 2013<\/a><\/div>\n<h4 class=\"pt-cv-title\"><a href=\"https:\/\/www.dmsjuridica.com\/buscador_20179478954\/corteconstitucionalcronologico202454587\/c-756-13\/\" class=\"_self\" target=\"_self\" >C-756-13<\/a><\/h4>\n<div class=\"pt-cv-content\">\u00a0 \u00a0 \u00a0 \u00a0 \u00a0 \u00a0C-756-13 \u00a0 \u00a0 \u00a0 \u00a0 \u00a0 \u00a0\u00a0 Sentencia C-756\/13 \u00a0 \u00a0 Bogot\u00e1 D.C., 30 de octubre de 2013 \u00a0 \u00a0 COSA JUZGADA CONSTITUCIONAL ABSOLUTA-Configuraci\u00f3n \u00a0 \u00a0 CONTROL DE CONSTITUCIONALIDAD DE ACTO LEGISLATIVO-Configuraci\u00f3n de cosa juzgada constitucional \u00a0 \u00a0 Ref.: Expediente D-9703. \u00a0 \u00a0 Actor: Ana Rosa \u00a0 Buelvas Hern\u00e1ndez y Robert Castillo L\u00f3pez. \u00a0 \u00a0 Demanda \u00a0 de inconstitucionalidad contra el inciso segundo del \u00a0 art\u00edculo 3 del Acto Legislativo 2 de 2012, por el cual se reforman los art\u00edculos \u00a0 116, 152 y 221 de la Constituci\u00f3n Pol\u00edtica. \u00a0 \u00a0 I. \u00a0 ANTECEDENTES. \u00a0 ...<br \/><div class=\"pt-cv-rmwrap\"><a href=\"https:\/\/www.dmsjuridica.com\/buscador_20179478954\/corteconstitucionalcronologico202454587\/c-756-13\/\" class=\"_self pt-cv-readmore btn btn-success\" target=\"_self\">Ver Sentencia Completa...<\/a><\/div><\/div><\/div><\/div>\n<div class=\"col-md-12 col-sm-12 col-xs-12 pt-cv-content-item pt-cv-1-col\" ><div class='pt-cv-ifield'><a href=\"https:\/\/www.dmsjuridica.com\/buscador_20179478954\/corteconstitucionalcronologico202454587\/c-755-13\/\" class=\"_self pt-cv-href-thumbnail pt-cv-thumb-default\" target=\"_self\" ><\/a>\n<div class=\"pt-cv-taxoterm above_title\"><a href='https:\/\/www.dmsjuridica.com\/buscador_20179478954\/corteconstitucionalcronologico202454587\/category\/buscar-en-toda-la-corte\/2013\/sentencias-2013\/' title='Sentencias 2013' class='pt-cv-tax-sentencias-2013'>Sentencias 2013<\/a><\/div>\n<h4 class=\"pt-cv-title\"><a href=\"https:\/\/www.dmsjuridica.com\/buscador_20179478954\/corteconstitucionalcronologico202454587\/c-755-13\/\" class=\"_self\" target=\"_self\" >C-755-13<\/a><\/h4>\n<div class=\"pt-cv-content\">\u00a0 \u00a0 \u00a0 \u00a0 \u00a0 \u00a0C-755-13 \u00a0 \u00a0 \u00a0 \u00a0 \u00a0 \u00a0\u00a0 Sentencia C-755\/13 \u00a0 \u00a0 CODIGO GENERAL \u00a0 DEL PROCESO-Transito \u00a0 de legislaci\u00f3n\/COMPETENCIA DE LOS \u00a0 JUECES CIVILES EN PROCESOS DE RESPONSABILIDAD MEDICA QUE TRAMITAN LOS JUECES \u00a0 LABORALES-Contenido \u00a0 \u00a0 REASIGNACION DE \u00a0 COMPETENCIA PARA CONOCER DE PROCESOS DE RESPONSABILIDAD MEDICA EN CURSO-No vulnera el \u00a0 derecho al juez natural predeterminado por la ley \u00a0 \u00a0 La medida demandada persigue una finalidad no s\u00f3lo permitida sino de hecho \u00a0 ordenada por la Constituci\u00f3n, interpretada de conformidad con el art\u00edculo 8.1. \u00a0 de la Convenci\u00f3n Americana sobre Derechos Humanos, ...<br \/><div class=\"pt-cv-rmwrap\"><a href=\"https:\/\/www.dmsjuridica.com\/buscador_20179478954\/corteconstitucionalcronologico202454587\/c-755-13\/\" class=\"_self pt-cv-readmore btn btn-success\" target=\"_self\">Ver Sentencia Completa...<\/a><\/div><\/div><\/div><\/div>\n<div class=\"col-md-12 col-sm-12 col-xs-12 pt-cv-content-item pt-cv-1-col\" ><div class='pt-cv-ifield'><a href=\"https:\/\/www.dmsjuridica.com\/buscador_20179478954\/corteconstitucionalcronologico202454587\/c-754-13\/\" class=\"_self pt-cv-href-thumbnail pt-cv-thumb-default\" target=\"_self\" ><\/a>\n<div class=\"pt-cv-taxoterm above_title\"><a href='https:\/\/www.dmsjuridica.com\/buscador_20179478954\/corteconstitucionalcronologico202454587\/category\/buscar-en-toda-la-corte\/2013\/sentencias-2013\/' title='Sentencias 2013' class='pt-cv-tax-sentencias-2013'>Sentencias 2013<\/a><\/div>\n<h4 class=\"pt-cv-title\"><a href=\"https:\/\/www.dmsjuridica.com\/buscador_20179478954\/corteconstitucionalcronologico202454587\/c-754-13\/\" class=\"_self\" target=\"_self\" >C-754-13<\/a><\/h4>\n<div class=\"pt-cv-content\">\u00a0 \u00a0 \u00a0 \u00a0 \u00a0 \u00a0C-754-13 \u00a0 \u00a0 \u00a0 \u00a0 \u00a0 \u00a0\u00a0 Sentencia C-754\/13 \u00a0 \u00a0 COSA JUZGADA CONSTITUCIONAL ABSOLUTA-Configuraci\u00f3n \u00a0 \u00a0 ACCION PUBLICA DE INCONSTITUCIONALIDAD CONTRA ACTO \u00a0 LEGISLATIVO-Caducidad \u00a0 \u00a0 CONTROL DE CONSTITUCIONALIDAD DE ACTO LEGISLATIVO-Configuraci\u00f3n de cosa juzgada constitucional \u00a0 \u00a0 Referencia:\u00a0expedientes D-9578 y D-9596 \u00a0 \u00a0 Demandas de inconstitucionalidad contra el Acto \u00a0 Legislativo 2 de 2012, \u201cpor el cual se reforman los art\u00edculos 116, 152 y 221 \u00a0 de la Constituci\u00f3n Pol\u00edtica de Colombia\u201d (ambas parcialmente) \u00a0 \u00a0 Gustavo Gall\u00f3n Giraldo y otros \u00a0 \u00a0 Magistrado Ponente: \u00a0 \u00a0 NILSON PINILLA PINILLA \u00a0 \u00a0 Bogot\u00e1, ...<br \/><div class=\"pt-cv-rmwrap\"><a href=\"https:\/\/www.dmsjuridica.com\/buscador_20179478954\/corteconstitucionalcronologico202454587\/c-754-13\/\" class=\"_self pt-cv-readmore btn btn-success\" target=\"_self\">Ver Sentencia Completa...<\/a><\/div><\/div><\/div><\/div>\n<div class=\"col-md-12 col-sm-12 col-xs-12 pt-cv-content-item pt-cv-1-col\" ><div class='pt-cv-ifield'><a href=\"https:\/\/www.dmsjuridica.com\/buscador_20179478954\/corteconstitucionalcronologico202454587\/c-753-13\/\" class=\"_self pt-cv-href-thumbnail pt-cv-thumb-default\" target=\"_self\" ><\/a>\n<div class=\"pt-cv-taxoterm above_title\"><a href='https:\/\/www.dmsjuridica.com\/buscador_20179478954\/corteconstitucionalcronologico202454587\/category\/buscar-en-toda-la-corte\/2013\/sentencias-2013\/' title='Sentencias 2013' class='pt-cv-tax-sentencias-2013'>Sentencias 2013<\/a><\/div>\n<h4 class=\"pt-cv-title\"><a href=\"https:\/\/www.dmsjuridica.com\/buscador_20179478954\/corteconstitucionalcronologico202454587\/c-753-13\/\" class=\"_self\" target=\"_self\" >C-753-13<\/a><\/h4>\n<div class=\"pt-cv-content\">\u00a0 \u00a0 \u00a0 \u00a0 \u00a0 \u00a0C-753-13 \u00a0 \u00a0 \u00a0 \u00a0 \u00a0 \u00a0\u00a0 Sentencia C-753\/13 \u00a0 \u00a0 (30 de octubre) \u00a0 \u00a0 SOSTENIBILIDAD \u00a0 FISCAL EN REPARACION A VICTIMAS-Exequibilidad de los art\u00edculos 19 de la \u00a0 Ley 1448 de 2011, el art\u00edculo 77 del Decreto 4634 de 2011 y el art\u00edculo 80 del \u00a0 Decreto 4635 de 2011 \u00a0 \u00a0 Los art\u00edculos \u00a0 19 de la Ley 1448 de 2011 y 77 del Decreto Ley 4634 de 2011 son exequibles \u00a0 porque no suponen una restricci\u00f3n del derecho a la reparaci\u00f3n integral y en \u00a0 particular a la indemnizaci\u00f3n administrativa atendiendo ...<br \/><div class=\"pt-cv-rmwrap\"><a href=\"https:\/\/www.dmsjuridica.com\/buscador_20179478954\/corteconstitucionalcronologico202454587\/c-753-13\/\" class=\"_self pt-cv-readmore btn btn-success\" target=\"_self\">Ver Sentencia Completa...<\/a><\/div><\/div><\/div><\/div>\n<div class=\"col-md-12 col-sm-12 col-xs-12 pt-cv-content-item pt-cv-1-col\" ><div class='pt-cv-ifield'><a href=\"https:\/\/www.dmsjuridica.com\/buscador_20179478954\/corteconstitucionalcronologico202454587\/c-752-13\/\" class=\"_self pt-cv-href-thumbnail pt-cv-thumb-default\" target=\"_self\" ><\/a>\n<div class=\"pt-cv-taxoterm above_title\"><a href='https:\/\/www.dmsjuridica.com\/buscador_20179478954\/corteconstitucionalcronologico202454587\/category\/buscar-en-toda-la-corte\/2013\/sentencias-2013\/' title='Sentencias 2013' class='pt-cv-tax-sentencias-2013'>Sentencias 2013<\/a><\/div>\n<h4 class=\"pt-cv-title\"><a href=\"https:\/\/www.dmsjuridica.com\/buscador_20179478954\/corteconstitucionalcronologico202454587\/c-752-13\/\" class=\"_self\" target=\"_self\" >C-752-13<\/a><\/h4>\n<div class=\"pt-cv-content\">\u00a0 \u00a0 \u00a0 \u00a0 \u00a0 \u00a0C-752-13 \u00a0 \u00a0 \u00a0 \u00a0 \u00a0 \u00a0\u00a0 Sentencia C-752\/13 \u00a0 \u00a0 EXCLUSION DE BENEFICIOS TRANSICIONALES DERIVADOS DE LEY \u00a0 DE JUSTICIA Y PAZ PARA POSTULADO QUE NO ENTREGUE, OFREZCA O DENUNCIE TODOS LOS \u00a0 BIENES ADQUIRIDOS POR EL O POR EL GRUPO ARMADO ORGANIZADO AL MARGEN DE LA LEY-Exequibilidad \u00a0 \u00a0 DEMANDA DE \u00a0 INCONSTITUCIONALIDAD-Requisitos \u00a0 \u00a0 DEMANDA DE INCONSTITUCIONALIDAD-Razones claras, ciertas, espec\u00edficas, pertinentes y \u00a0 suficientes \u00a0 \u00a0 PLAZO DE POSTULACION DE DESMOVILIZADOS AL PROCEDIMIENDO \u00a0 PENAL ESPECIAL-Inhibici\u00f3n para decidir \u00a0 de fondo en relaci\u00f3n con la expresi\u00f3n \u201cVencido este plazo el Gobierno \u00a0 ...<br \/><div class=\"pt-cv-rmwrap\"><a href=\"https:\/\/www.dmsjuridica.com\/buscador_20179478954\/corteconstitucionalcronologico202454587\/c-752-13\/\" class=\"_self pt-cv-readmore btn btn-success\" target=\"_self\">Ver Sentencia Completa...<\/a><\/div><\/div><\/div><\/div>\n<div class=\"col-md-12 col-sm-12 col-xs-12 pt-cv-content-item pt-cv-1-col\" ><div class='pt-cv-ifield'><a href=\"https:\/\/www.dmsjuridica.com\/buscador_20179478954\/corteconstitucionalcronologico202454587\/c-751-13\/\" class=\"_self pt-cv-href-thumbnail pt-cv-thumb-default\" target=\"_self\" ><\/a>\n<div class=\"pt-cv-taxoterm above_title\"><a href='https:\/\/www.dmsjuridica.com\/buscador_20179478954\/corteconstitucionalcronologico202454587\/category\/buscar-en-toda-la-corte\/2013\/sentencias-2013\/' title='Sentencias 2013' class='pt-cv-tax-sentencias-2013'>Sentencias 2013<\/a><\/div>\n<h4 class=\"pt-cv-title\"><a href=\"https:\/\/www.dmsjuridica.com\/buscador_20179478954\/corteconstitucionalcronologico202454587\/c-751-13\/\" class=\"_self\" target=\"_self\" >C-751-13<\/a><\/h4>\n<div class=\"pt-cv-content\">\u00a0 \u00a0 \u00a0 \u00a0 \u00a0 \u00a0C-751-13 \u00a0 \u00a0 \u00a0 \u00a0 \u00a0 \u00a0\u00a0 Sentencia C-751\/13 \u00a0 \u00a0 MARCO GENERAL PARA LA LIBRANZA O DESCUENTO DIRECTO-Contenido y alcance \u00a0 \u00a0 COADYUVANCIA EN DEMANDA DE CONSTITUCIONALIDAD-No puede comportar una transformaci\u00f3n de la demanda \u00a0 \u00a0 Si bien la posibilidad de intervenir \u201ccomo impugnador o \u00a0 defensor de las normas sometidas a control en los procesos promovidos por otros\u201d \u00a0 est\u00e1 reconocida a \u201ccualquier ciudadano\u201d, al tenor de lo consagrado en el \u00a0 art\u00edculo 242 de la Constituci\u00f3n Pol\u00edtica, lo cierto es que esta Corporaci\u00f3n ha \u00a0 considerado que los t\u00e9rminos en los que ...<br \/><div class=\"pt-cv-rmwrap\"><a href=\"https:\/\/www.dmsjuridica.com\/buscador_20179478954\/corteconstitucionalcronologico202454587\/c-751-13\/\" class=\"_self pt-cv-readmore btn btn-success\" target=\"_self\">Ver Sentencia Completa...<\/a><\/div><\/div><\/div><\/div>\n<div class=\"col-md-12 col-sm-12 col-xs-12 pt-cv-content-item pt-cv-1-col\" ><div class='pt-cv-ifield'><a href=\"https:\/\/www.dmsjuridica.com\/buscador_20179478954\/corteconstitucionalcronologico202454587\/c-750-13\/\" class=\"_self pt-cv-href-thumbnail pt-cv-thumb-default\" target=\"_self\" ><\/a>\n<div class=\"pt-cv-taxoterm above_title\"><a href='https:\/\/www.dmsjuridica.com\/buscador_20179478954\/corteconstitucionalcronologico202454587\/category\/buscar-en-toda-la-corte\/2013\/sentencias-2013\/' title='Sentencias 2013' class='pt-cv-tax-sentencias-2013'>Sentencias 2013<\/a><\/div>\n<h4 class=\"pt-cv-title\"><a href=\"https:\/\/www.dmsjuridica.com\/buscador_20179478954\/corteconstitucionalcronologico202454587\/c-750-13\/\" class=\"_self\" target=\"_self\" >C-750-13<\/a><\/h4>\n<div class=\"pt-cv-content\">\u00a0 \u00a0 \u00a0 \u00a0 \u00a0 \u00a0C-750-13 \u00a0 \u00a0 \u00a0 \u00a0 \u00a0 \u00a0\u00a0 Sentencia C-750\/13 \u00a0 \u00a0 TRATADO DE ASISTENCIA LEGAL \u00a0 MUTUA EN ASUNTOS PENALES ENTRE COLOMBIA Y SUIZA-Se ajusta a la Constituci\u00f3n \u00a0 Pol\u00edtica, tanto en su aspecto formal como en su contenido material \u00a0 \u00a0 Cumplida la revisi\u00f3n constitucional del Tratado \u00a0 sobre Asistencia Legal Mutua en Asuntos Penales entre la Rep\u00fablica de Colombia y \u00a0 la Confederaci\u00f3n Suiza, y de su ley aprobatoria, la Ley 1594 de 2012, la Corte \u00a0 concluye que tales textos, tanto en su aspecto formal como en su contenido \u00a0 material, se ...<br \/><div class=\"pt-cv-rmwrap\"><a href=\"https:\/\/www.dmsjuridica.com\/buscador_20179478954\/corteconstitucionalcronologico202454587\/c-750-13\/\" class=\"_self pt-cv-readmore btn btn-success\" target=\"_self\">Ver Sentencia Completa...<\/a><\/div><\/div><\/div><\/div>\n<div class=\"col-md-12 col-sm-12 col-xs-12 pt-cv-content-item pt-cv-1-col\" ><div class='pt-cv-ifield'><a href=\"https:\/\/www.dmsjuridica.com\/buscador_20179478954\/corteconstitucionalcronologico202454587\/c-749-13\/\" class=\"_self pt-cv-href-thumbnail pt-cv-thumb-default\" target=\"_self\" ><\/a>\n<div class=\"pt-cv-taxoterm above_title\"><a href='https:\/\/www.dmsjuridica.com\/buscador_20179478954\/corteconstitucionalcronologico202454587\/category\/buscar-en-toda-la-corte\/2013\/sentencias-2013\/' title='Sentencias 2013' class='pt-cv-tax-sentencias-2013'>Sentencias 2013<\/a><\/div>\n<h4 class=\"pt-cv-title\"><a href=\"https:\/\/www.dmsjuridica.com\/buscador_20179478954\/corteconstitucionalcronologico202454587\/c-749-13\/\" class=\"_self\" target=\"_self\" >C-749-13<\/a><\/h4>\n<div class=\"pt-cv-content\">\u00a0 \u00a0 \u00a0 \u00a0 \u00a0 \u00a0C-749-13 \u00a0 \u00a0 \u00a0 \u00a0 \u00a0 \u00a0\u00a0 Sentencia C-749\/13 \u00a0 \u00a0 (Bogot\u00e1 DC, 30 de octubre) \u00a0 \u00a0 ACUERDO DE COOPERACION \u00a0 OPERATIVA Y ESTRATEGICA ENTRE COLOMBIA Y OFICINA EUROPEA DE POLICIA-Exequibilidad \u00a0 \u00a0 El examen de validez formal \u00a0 del \u201cAcuerdo de Cooperaci\u00f3n operativa y estrat\u00e9gica entre la Rep\u00fablica de \u00a0 Colombia y la Oficina Europea de Polic\u00eda\u201d, suscrito en Bogot\u00e1, el 20 de \u00a0 septiembre de 2010 y su Ley aprobatoria, arroja para la Corte que: (i) es v\u00e1lida \u00a0 la suscripci\u00f3n del Acuerdo entre el Estado colombiano y la Oficina Europea de ...<br \/><div class=\"pt-cv-rmwrap\"><a href=\"https:\/\/www.dmsjuridica.com\/buscador_20179478954\/corteconstitucionalcronologico202454587\/c-749-13\/\" class=\"_self pt-cv-readmore btn btn-success\" target=\"_self\">Ver Sentencia Completa...<\/a><\/div><\/div><\/div><\/div>\n<div class=\"col-md-12 col-sm-12 col-xs-12 pt-cv-content-item pt-cv-1-col\" ><div class='pt-cv-ifield'><a href=\"https:\/\/www.dmsjuridica.com\/buscador_20179478954\/corteconstitucionalcronologico202454587\/c-742-13\/\" class=\"_self pt-cv-href-thumbnail pt-cv-thumb-default\" target=\"_self\" ><\/a>\n<div class=\"pt-cv-taxoterm above_title\"><a href='https:\/\/www.dmsjuridica.com\/buscador_20179478954\/corteconstitucionalcronologico202454587\/category\/buscar-en-toda-la-corte\/2013\/sentencias-2013\/' title='Sentencias 2013' class='pt-cv-tax-sentencias-2013'>Sentencias 2013<\/a><\/div>\n<h4 class=\"pt-cv-title\"><a href=\"https:\/\/www.dmsjuridica.com\/buscador_20179478954\/corteconstitucionalcronologico202454587\/c-742-13\/\" class=\"_self\" target=\"_self\" >C-742-13<\/a><\/h4>\n<div class=\"pt-cv-content\">\u00a0 \u00a0 \u00a0 \u00a0 \u00a0 \u00a0C-742-13 \u00a0 \u00a0 \u00a0 \u00a0 \u00a0 \u00a0\u00a0 Sentencia C-742\/13 \u00a0 \u00a0 COSA JUZGADA CONSTITUCIONAL-Configuraci\u00f3n \u00a0 \u00a0 Referencia: expediente D-9643 \u00a0 \u00a0 Actor: Germ\u00e1n Chica Giraldo \u00a0 \u00a0 Demanda de inconstitucionalidad contra el \u00a0 art\u00edculo 31 de la Ley 1606 de 2012 \u2018por la cual se decreta el Presupuesto del \u00a0 Sistema General de Regal\u00edas para el bienio del 1\u00b0 de enero de 2013 al 31 de \u00a0 diciembre de 2014\u2019. \u00a0 \u00a0 Magistrada Ponente: \u00a0 \u00a0 MAR\u00cdA VICTORIA CALLE CORREA \u00a0 \u00a0 Bogot\u00e1, D.C., veintitr\u00e9s (23) de octubre de dos mil trece (2013). \u00a0 \u00a0 ...<br \/><div class=\"pt-cv-rmwrap\"><a href=\"https:\/\/www.dmsjuridica.com\/buscador_20179478954\/corteconstitucionalcronologico202454587\/c-742-13\/\" class=\"_self pt-cv-readmore btn btn-success\" target=\"_self\">Ver Sentencia Completa...<\/a><\/div><\/div><\/div><\/div>\n<div class=\"col-md-12 col-sm-12 col-xs-12 pt-cv-content-item pt-cv-1-col\" ><div class='pt-cv-ifield'><a href=\"https:\/\/www.dmsjuridica.com\/buscador_20179478954\/corteconstitucionalcronologico202454587\/c-741-13\/\" class=\"_self pt-cv-href-thumbnail pt-cv-thumb-default\" target=\"_self\" ><\/a>\n<div class=\"pt-cv-taxoterm above_title\"><a href='https:\/\/www.dmsjuridica.com\/buscador_20179478954\/corteconstitucionalcronologico202454587\/category\/buscar-en-toda-la-corte\/2013\/sentencias-2013\/' title='Sentencias 2013' class='pt-cv-tax-sentencias-2013'>Sentencias 2013<\/a><\/div>\n<h4 class=\"pt-cv-title\"><a href=\"https:\/\/www.dmsjuridica.com\/buscador_20179478954\/corteconstitucionalcronologico202454587\/c-741-13\/\" class=\"_self\" target=\"_self\" >C-741-13<\/a><\/h4>\n<div class=\"pt-cv-content\">\u00a0 \u00a0 \u00a0 \u00a0 \u00a0 \u00a0C-741-13 \u00a0 \u00a0 \u00a0 \u00a0 \u00a0 \u00a0\u00a0 Sentencia C-741\/13 \u00a0 \u00a0 CONSIGNACION PREVIA DE MULTA COMO CONDICION \u00a0 PARA INTERPONER RECURSOS CONTRA SANCION IMPUESTA A EMPLEADOR QUE ELUDE \u00a0 CONVERSACIONES EN ETAPA DE ARREGLO DIRECTO EN UN PROCESO DE NEGOCIACION \u00a0 COLECTIVA-Exequibilidad \u00a0 \u00a0 LEGISLADOR-Libertad \u00a0 para definir procedimiento en los procesos\/LIBERTAD DE CONFIGURACION \u00a0 LEGISLATIVA-Definici\u00f3n del procedimiento en los procesos \u00a0 \u00a0 La Corte Constitucional ha se\u00f1alado que seg\u00fan el art\u00edculo 150-2 de \u00a0 la C.P., le corresponde al Congreso de la Rep\u00fablica expedir los c\u00f3digos en todos \u00a0 los ramos de la legislaci\u00f3n ...<br \/><div class=\"pt-cv-rmwrap\"><a href=\"https:\/\/www.dmsjuridica.com\/buscador_20179478954\/corteconstitucionalcronologico202454587\/c-741-13\/\" class=\"_self pt-cv-readmore btn btn-success\" target=\"_self\">Ver Sentencia Completa...<\/a><\/div><\/div><\/div><\/div>\n<div class=\"col-md-12 col-sm-12 col-xs-12 pt-cv-content-item pt-cv-1-col\" ><div class='pt-cv-ifield'><a href=\"https:\/\/www.dmsjuridica.com\/buscador_20179478954\/corteconstitucionalcronologico202454587\/c-740-13\/\" class=\"_self pt-cv-href-thumbnail pt-cv-thumb-default\" target=\"_self\" ><\/a>\n<div class=\"pt-cv-taxoterm above_title\"><a href='https:\/\/www.dmsjuridica.com\/buscador_20179478954\/corteconstitucionalcronologico202454587\/category\/buscar-en-toda-la-corte\/2013\/sentencias-2013\/' title='Sentencias 2013' class='pt-cv-tax-sentencias-2013'>Sentencias 2013<\/a><\/div>\n<h4 class=\"pt-cv-title\"><a href=\"https:\/\/www.dmsjuridica.com\/buscador_20179478954\/corteconstitucionalcronologico202454587\/c-740-13\/\" class=\"_self\" target=\"_self\" >C-740-13<\/a><\/h4>\n<div class=\"pt-cv-content\">\u00a0 \u00a0 \u00a0 \u00a0 \u00a0 \u00a0C-740-13 \u00a0 \u00a0 \u00a0 \u00a0 \u00a0 \u00a0\u00a0 Sentencia C-740\/13 \u00a0 \u00a0 REFORMA DE NORMAS CONSTITUCIONALES QUE REGULAN FUERO \u00a0 PENAL MILITAR EN ACTO LEGISLATIVO 02 DE 2012-Inexequibilidad \u00a0 \u00a0 Analizados a plenitud los distintos cargos de la \u00a0 demanda, la Sala consider\u00f3 que cuatro de ellos, los planteados en segundo, \u00a0 tercero, cuarto y quinto lugar no reun\u00edan las condiciones para dar lugar a una \u00a0 decisi\u00f3n de fondo en sede de constitucionalidad, pues se sustentan en \u00a0 situaciones que no impactaron el tr\u00e1mite de este Acto Legislativo y en la \u00a0 supuesta infracci\u00f3n de ...<br \/><div class=\"pt-cv-rmwrap\"><a href=\"https:\/\/www.dmsjuridica.com\/buscador_20179478954\/corteconstitucionalcronologico202454587\/c-740-13\/\" class=\"_self pt-cv-readmore btn btn-success\" target=\"_self\">Ver Sentencia Completa...<\/a><\/div><\/div><\/div><\/div>\n<div class=\"col-md-12 col-sm-12 col-xs-12 pt-cv-content-item pt-cv-1-col\" ><div class='pt-cv-ifield'><a href=\"https:\/\/www.dmsjuridica.com\/buscador_20179478954\/corteconstitucionalcronologico202454587\/c-700-13\/\" class=\"_self pt-cv-href-thumbnail pt-cv-thumb-default\" target=\"_self\" ><\/a>\n<div class=\"pt-cv-taxoterm above_title\"><a href='https:\/\/www.dmsjuridica.com\/buscador_20179478954\/corteconstitucionalcronologico202454587\/category\/buscar-en-toda-la-corte\/2013\/sentencias-2013\/' title='Sentencias 2013' class='pt-cv-tax-sentencias-2013'>Sentencias 2013<\/a><\/div>\n<h4 class=\"pt-cv-title\"><a href=\"https:\/\/www.dmsjuridica.com\/buscador_20179478954\/corteconstitucionalcronologico202454587\/c-700-13\/\" class=\"_self\" target=\"_self\" >C-700-13<\/a><\/h4>\n<div class=\"pt-cv-content\">\u00a0 \u00a0 \u00a0 \u00a0 \u00a0 \u00a0C-700-13 \u00a0 \u00a0 \u00a0 \u00a0 \u00a0 \u00a0\u00a0 Sentencia \u00a0 C-700\/13 \u00a0 \u00a0 DECLARACION JUDICIAL DE SOCIEDAD PATRIMONIAL ENTRE COMPA\u00d1EROS PERMANENTES-Exigencia de \u00a0 liquidaci\u00f3n de sociedades anteriores vulnera el derecho a la igualdad y la \u00a0 obligaci\u00f3n constitucional de protecci\u00f3n igualitaria a las familias formadas por \u00a0 v\u00ednculo matrimonial y a las formadas por v\u00ednculo de hecho\/DECLARACION \u00a0 JUDICIAL DE SOCIEDAD PATRIMONIAL ENTRE COMPA\u00d1EROS PERMANENTES-No se puede \u00a0 exigir que sociedades conyugales anteriores hayan sido liquidadas, sino que \u00a0 basta su disoluci\u00f3n \u00a0 \u00a0 La Corte \u00a0 Constitucional encuentra, que la exigencia normativa demandada vulnera el ...<br \/><div class=\"pt-cv-rmwrap\"><a href=\"https:\/\/www.dmsjuridica.com\/buscador_20179478954\/corteconstitucionalcronologico202454587\/c-700-13\/\" class=\"_self pt-cv-readmore btn btn-success\" target=\"_self\">Ver Sentencia Completa...<\/a><\/div><\/div><\/div><\/div>\n<div class=\"col-md-12 col-sm-12 col-xs-12 pt-cv-content-item pt-cv-1-col\" ><div class='pt-cv-ifield'><a href=\"https:\/\/www.dmsjuridica.com\/buscador_20179478954\/corteconstitucionalcronologico202454587\/c-699-13\/\" class=\"_self pt-cv-href-thumbnail pt-cv-thumb-default\" target=\"_self\" ><\/a>\n<div class=\"pt-cv-taxoterm above_title\"><a href='https:\/\/www.dmsjuridica.com\/buscador_20179478954\/corteconstitucionalcronologico202454587\/category\/buscar-en-toda-la-corte\/2013\/sentencias-2013\/' title='Sentencias 2013' class='pt-cv-tax-sentencias-2013'>Sentencias 2013<\/a><\/div>\n<h4 class=\"pt-cv-title\"><a href=\"https:\/\/www.dmsjuridica.com\/buscador_20179478954\/corteconstitucionalcronologico202454587\/c-699-13\/\" class=\"_self\" target=\"_self\" >C-699-13<\/a><\/h4>\n<div class=\"pt-cv-content\">\u00a0 \u00a0 \u00a0 \u00a0 \u00a0 \u00a0C-699-13 \u00a0 \u00a0 \u00a0 \u00a0 \u00a0 \u00a0\u00a0 Sentencia \u00a0 C-699\/13 \u00a0 \u00a0 LICENCIA TEMPORAL \u00a0 NO REMUNERADA PARA CONCEJALES-Contradicci\u00f3n a la \u00a0 prohibici\u00f3n establecida en el art\u00edculo 134 de la Constituci\u00f3n \u00a0 \u00a0 La Sala \u00a0 Plena de la Corte Constitucional decide que\u00a0 \u00a0 (i) a la luz de los criterios fijados por la \u00a0 jurisprudencia constitucional para identificar una norma cuyo contenido es \u00a0 propio de ley estatutaria, el Congreso de la Republica \u00a0 no viola la reserva de la ley estatutaria (Arts. 152, CP), al establecer \u00a0 mediante ley ordinaria el derecho de ...<br \/><div class=\"pt-cv-rmwrap\"><a href=\"https:\/\/www.dmsjuridica.com\/buscador_20179478954\/corteconstitucionalcronologico202454587\/c-699-13\/\" class=\"_self pt-cv-readmore btn btn-success\" target=\"_self\">Ver Sentencia Completa...<\/a><\/div><\/div><\/div><\/div>\n<div class=\"col-md-12 col-sm-12 col-xs-12 pt-cv-content-item pt-cv-1-col\" ><div class='pt-cv-ifield'><a href=\"https:\/\/www.dmsjuridica.com\/buscador_20179478954\/corteconstitucionalcronologico202454587\/c-695-13\/\" class=\"_self pt-cv-href-thumbnail pt-cv-thumb-default\" target=\"_self\" ><\/a>\n<div class=\"pt-cv-taxoterm above_title\"><a href='https:\/\/www.dmsjuridica.com\/buscador_20179478954\/corteconstitucionalcronologico202454587\/category\/buscar-en-toda-la-corte\/2013\/sentencias-2013\/' title='Sentencias 2013' class='pt-cv-tax-sentencias-2013'>Sentencias 2013<\/a><\/div>\n<h4 class=\"pt-cv-title\"><a href=\"https:\/\/www.dmsjuridica.com\/buscador_20179478954\/corteconstitucionalcronologico202454587\/c-695-13\/\" class=\"_self\" target=\"_self\" >C-695-13<\/a><\/h4>\n<div class=\"pt-cv-content\">\u00a0 \u00a0 \u00a0 \u00a0 \u00a0 \u00a0C-695-13 \u00a0 \u00a0 \u00a0 \u00a0 \u00a0 \u00a0\u00a0 Sentencia C-695\/13 \u00a0 \u00a0 REQUISITOS DE MEDIDAS DE ASEGURAMIENTO-Exequibilidad de la expresi\u00f3n \u201co que no cumplir\u00e1 la \u00a0 sentencia\u201d contenida en la parte final del numeral 3\u00b0 del art\u00edculo 308 de la \u00a0 Ley 906 de 2004 \u00a0 \u00a0 Para la Corte, eliminar la posibilidad de adoptar una \u00a0 medida preventiva como la analizada, exigiendo la previa culminaci\u00f3n \u00edntegra del \u00a0 proceso, desnaturalizar\u00eda su car\u00e1cter preventivo y podr\u00eda tornar inoficiosa la \u00a0 funci\u00f3n judicial, impidiendo la efectividad de la pena, en aquellos eventos en \u00a0 los cuales el ...<br \/><div class=\"pt-cv-rmwrap\"><a href=\"https:\/\/www.dmsjuridica.com\/buscador_20179478954\/corteconstitucionalcronologico202454587\/c-695-13\/\" class=\"_self pt-cv-readmore btn btn-success\" target=\"_self\">Ver Sentencia Completa...<\/a><\/div><\/div><\/div><\/div>\n<div class=\"col-md-12 col-sm-12 col-xs-12 pt-cv-content-item pt-cv-1-col\" ><div class='pt-cv-ifield'><a href=\"https:\/\/www.dmsjuridica.com\/buscador_20179478954\/corteconstitucionalcronologico202454587\/c-692-13\/\" class=\"_self pt-cv-href-thumbnail pt-cv-thumb-default\" target=\"_self\" ><\/a>\n<div class=\"pt-cv-taxoterm above_title\"><a href='https:\/\/www.dmsjuridica.com\/buscador_20179478954\/corteconstitucionalcronologico202454587\/category\/buscar-en-toda-la-corte\/2013\/sentencias-2013\/' title='Sentencias 2013' class='pt-cv-tax-sentencias-2013'>Sentencias 2013<\/a><\/div>\n<h4 class=\"pt-cv-title\"><a href=\"https:\/\/www.dmsjuridica.com\/buscador_20179478954\/corteconstitucionalcronologico202454587\/c-692-13\/\" class=\"_self\" target=\"_self\" >C-692-13<\/a><\/h4>\n<div class=\"pt-cv-content\">\u00a0 \u00a0 \u00a0 \u00a0 \u00a0 \u00a0C-692-13 \u00a0 \u00a0 \u00a0 \u00a0 \u00a0 \u00a0\u00a0 Sentencia C-692\/13 \u00a0 \u00a0 (Bogot\u00e1 DC, octubre 2 de 2013) \u00a0 \u00a0 ENMIENDA DE LA CONVENCION SOBRE \u00a0 PROTECCION FISICA DE MATERIALES NUCLEARES-Se ajusta a la Constituci\u00f3n \u00a0 Pol\u00edtica \u00a0 \u00a0 El examen de validez formal de la \u201cEnmienda de la \u00a0 Convenci\u00f3n sobre la protecci\u00f3n f\u00edsica de los materiales nucleares\u201d, aprobada en \u00a0 Viena el 8 de julio de 2005 y su Ley aprobatoria, arroja para la Corte que: (i) \u00a0 es v\u00e1lido que el Estado colombiano se vincule a la Enmienda de la Convenci\u00f3n, \u00a0 mediante ...<br \/><div class=\"pt-cv-rmwrap\"><a href=\"https:\/\/www.dmsjuridica.com\/buscador_20179478954\/corteconstitucionalcronologico202454587\/c-692-13\/\" class=\"_self pt-cv-readmore btn btn-success\" target=\"_self\">Ver Sentencia Completa...<\/a><\/div><\/div><\/div><\/div>\n<div class=\"col-md-12 col-sm-12 col-xs-12 pt-cv-content-item pt-cv-1-col\" ><div class='pt-cv-ifield'><a href=\"https:\/\/www.dmsjuridica.com\/buscador_20179478954\/corteconstitucionalcronologico202454587\/c-678-13\/\" class=\"_self pt-cv-href-thumbnail pt-cv-thumb-default\" target=\"_self\" ><\/a>\n<div class=\"pt-cv-taxoterm above_title\"><a href='https:\/\/www.dmsjuridica.com\/buscador_20179478954\/corteconstitucionalcronologico202454587\/category\/buscar-en-toda-la-corte\/2013\/sentencias-2013\/' title='Sentencias 2013' class='pt-cv-tax-sentencias-2013'>Sentencias 2013<\/a><\/div>\n<h4 class=\"pt-cv-title\"><a href=\"https:\/\/www.dmsjuridica.com\/buscador_20179478954\/corteconstitucionalcronologico202454587\/c-678-13\/\" class=\"_self\" target=\"_self\" >C-678-13<\/a><\/h4>\n<div class=\"pt-cv-content\">\u00a0 \u00a0 \u00a0 \u00a0 \u00a0 \u00a0C-678-13 \u00a0 \u00a0 \u00a0 \u00a0 \u00a0 \u00a0\u00a0 Sentencia C-678\/13 \u00a0 \u00a0 MODIFICACION \u00a0 INTRODUCIDA A CONTRIBUCION PARAFISCAL PARA FOMENTO DEL TURISMO EN ARTICULO 16 DE \u00a0 LA LEY 1558 DE 2012-Inexequibilidad \u00a0 \u00a0 Con base en el inciso 4 del art\u00edculo 154 \u00a0 Superior y el precedente jurisprudencial ya sentado por esta Corte, de \u00a0 conformidad con el cual se ponen de relieve los principios, valores y derechos \u00a0 constitucionales que subyacen a la norma de car\u00e1cter procedimental que ahora se \u00a0 aplica, seg\u00fan la cual las normas de car\u00e1cter tributario deben iniciar su tr\u00e1mite ...<br \/><div class=\"pt-cv-rmwrap\"><a href=\"https:\/\/www.dmsjuridica.com\/buscador_20179478954\/corteconstitucionalcronologico202454587\/c-678-13\/\" class=\"_self pt-cv-readmore btn btn-success\" target=\"_self\">Ver Sentencia Completa...<\/a><\/div><\/div><\/div><\/div>\n<div class=\"col-md-12 col-sm-12 col-xs-12 pt-cv-content-item pt-cv-1-col\" ><div class='pt-cv-ifield'><a href=\"https:\/\/www.dmsjuridica.com\/buscador_20179478954\/corteconstitucionalcronologico202454587\/c-677-13\/\" class=\"_self pt-cv-href-thumbnail pt-cv-thumb-default\" target=\"_self\" ><\/a>\n<div class=\"pt-cv-taxoterm above_title\"><a href='https:\/\/www.dmsjuridica.com\/buscador_20179478954\/corteconstitucionalcronologico202454587\/category\/buscar-en-toda-la-corte\/2013\/sentencias-2013\/' title='Sentencias 2013' class='pt-cv-tax-sentencias-2013'>Sentencias 2013<\/a><\/div>\n<h4 class=\"pt-cv-title\"><a href=\"https:\/\/www.dmsjuridica.com\/buscador_20179478954\/corteconstitucionalcronologico202454587\/c-677-13\/\" class=\"_self\" target=\"_self\" >C-677-13<\/a><\/h4>\n<div class=\"pt-cv-content\">\u00a0 \u00a0 \u00a0 \u00a0 \u00a0 \u00a0C-677-13 \u00a0 \u00a0 \u00a0 \u00a0 \u00a0 \u00a0\u00a0 Sentencia C-677\/13 \u00a0 \u00a0 TRATADO DE \u00a0 ASISTENCIA LEGAL MUTUA EN ASUNTOS PENALES ENTRE COLOMBIA Y RUSIA-Exequibilidad \u00a0 condicionada \u00a0 \u00a0 Exequibilidad \u00a0 del art\u00edculo 1 p\u00e1rrafo 2 del \u201cTratado entre la Rep\u00fablica de Colombia y \u00a0 Federaci\u00f3n de Rusia sobre Asistencia Legal Rec\u00edproca en Materia Penal\u201d, suscrito \u00a0 en Mosc\u00fa, Rusia, el 6 de abril de 2010\u201d, bajo la declaraci\u00f3n interpretativa \u00a0 consistente en que la asistencia rec\u00edproca que pueda prestarse no afecte \u00a0 gravemente los derechos de las personas o sus bienes cuando el soporte de ...<br \/><div class=\"pt-cv-rmwrap\"><a href=\"https:\/\/www.dmsjuridica.com\/buscador_20179478954\/corteconstitucionalcronologico202454587\/c-677-13\/\" class=\"_self pt-cv-readmore btn btn-success\" target=\"_self\">Ver Sentencia Completa...<\/a><\/div><\/div><\/div><\/div>\n<div class=\"col-md-12 col-sm-12 col-xs-12 pt-cv-content-item pt-cv-1-col\" ><div class='pt-cv-ifield'><a href=\"https:\/\/www.dmsjuridica.com\/buscador_20179478954\/corteconstitucionalcronologico202454587\/c-664-13\/\" class=\"_self pt-cv-href-thumbnail pt-cv-thumb-default\" target=\"_self\" ><\/a>\n<div class=\"pt-cv-taxoterm above_title\"><a href='https:\/\/www.dmsjuridica.com\/buscador_20179478954\/corteconstitucionalcronologico202454587\/category\/buscar-en-toda-la-corte\/2013\/sentencias-2013\/' title='Sentencias 2013' class='pt-cv-tax-sentencias-2013'>Sentencias 2013<\/a><\/div>\n<h4 class=\"pt-cv-title\"><a href=\"https:\/\/www.dmsjuridica.com\/buscador_20179478954\/corteconstitucionalcronologico202454587\/c-664-13\/\" class=\"_self\" target=\"_self\" >C-664-13<\/a><\/h4>\n<div class=\"pt-cv-content\">\u00a0 \u00a0 \u00a0 \u00a0 \u00a0 \u00a0C-664-13 \u00a0 \u00a0 \u00a0 \u00a0 \u00a0 \u00a0\u00a0 Sentencia C-664\/13 \u00a0 \u00a0 TRATADO RELATIVO A PROHIBICION DEL EMPLEO \u00a0 EN GUERRA DE GASES ASFIXIANTES, TOXICOS O SIMILARES Y DE MEDIOS BACTERIOLOGICOS-Se ajusta a la Constituci\u00f3n Pol\u00edtica \u00a0 \u00a0 Realizado el \u00a0 an\u00e1lisis formal de la ley aprobatoria, se inici\u00f3 el estudio del contenido \u00a0 material del instrumento internacional remitido, respecto del cual se concluy\u00f3 \u00a0 que el mismo es desarrollo de la prohibici\u00f3n contenida en el art\u00edculo 81 de la \u00a0 Constituci\u00f3n, con la cual se procura la defensa \u00a0 del derecho colectivo al goce de ...<br \/><div class=\"pt-cv-rmwrap\"><a href=\"https:\/\/www.dmsjuridica.com\/buscador_20179478954\/corteconstitucionalcronologico202454587\/c-664-13\/\" class=\"_self pt-cv-readmore btn btn-success\" target=\"_self\">Ver Sentencia Completa...<\/a><\/div><\/div><\/div><\/div>\n<div class=\"col-md-12 col-sm-12 col-xs-12 pt-cv-content-item pt-cv-1-col\" ><div class='pt-cv-ifield'><a href=\"https:\/\/www.dmsjuridica.com\/buscador_20179478954\/corteconstitucionalcronologico202454587\/c-663-13\/\" class=\"_self pt-cv-href-thumbnail pt-cv-thumb-default\" target=\"_self\" ><\/a>\n<div class=\"pt-cv-taxoterm above_title\"><a href='https:\/\/www.dmsjuridica.com\/buscador_20179478954\/corteconstitucionalcronologico202454587\/category\/buscar-en-toda-la-corte\/2013\/sentencias-2013\/' title='Sentencias 2013' class='pt-cv-tax-sentencias-2013'>Sentencias 2013<\/a><\/div>\n<h4 class=\"pt-cv-title\"><a href=\"https:\/\/www.dmsjuridica.com\/buscador_20179478954\/corteconstitucionalcronologico202454587\/c-663-13\/\" class=\"_self\" target=\"_self\" >C-663-13<\/a><\/h4>\n<div class=\"pt-cv-content\">\u00a0 \u00a0 \u00a0 \u00a0 \u00a0 \u00a0C-663-13 \u00a0 \u00a0 \u00a0 \u00a0 \u00a0 \u00a0\u00a0 Sentencia C-663\/13 \u00a0 \u00a0 PROYECTO DE \u00a0 LEY QUE MODIFICA EL CODIGO DE ETICA DE LA PROFESION DE BIBLIOTECOLOGIA-Tr\u00e1mite \u00a0 legislativo \u00a0 \u00a0 ADSCRIPCION \u00a0 DEL CONSEJO NACIONAL DE BIBLIOTECOLOGIA AL MINISTERIO DE EDUCACION Y LA CREACION \u00a0 DEL TRIBUNAL NACIONAL DE ETICA DE ESTA PROFESION-Requieren de la iniciativa \u00a0 legislativa o del aval del gobierno nacional \u00a0 \u00a0 Para esta Sala \u00a0 la adscripci\u00f3n del Ministerio s\u00ed implica una evidente modificaci\u00f3n a la \u00a0 estructura de la administraci\u00f3n nacional, toda vez que este Consejo entra a \u00a0 ...<br \/><div class=\"pt-cv-rmwrap\"><a href=\"https:\/\/www.dmsjuridica.com\/buscador_20179478954\/corteconstitucionalcronologico202454587\/c-663-13\/\" class=\"_self pt-cv-readmore btn btn-success\" target=\"_self\">Ver Sentencia Completa...<\/a><\/div><\/div><\/div><\/div>\n<div class=\"col-md-12 col-sm-12 col-xs-12 pt-cv-content-item pt-cv-1-col\" ><div class='pt-cv-ifield'><a href=\"https:\/\/www.dmsjuridica.com\/buscador_20179478954\/corteconstitucionalcronologico202454587\/c-624-13\/\" class=\"_self pt-cv-href-thumbnail pt-cv-thumb-default\" target=\"_self\" ><\/a>\n<div class=\"pt-cv-taxoterm above_title\"><a href='https:\/\/www.dmsjuridica.com\/buscador_20179478954\/corteconstitucionalcronologico202454587\/category\/buscar-en-toda-la-corte\/2013\/sentencias-2013\/' title='Sentencias 2013' class='pt-cv-tax-sentencias-2013'>Sentencias 2013<\/a><\/div>\n<h4 class=\"pt-cv-title\"><a href=\"https:\/\/www.dmsjuridica.com\/buscador_20179478954\/corteconstitucionalcronologico202454587\/c-624-13\/\" class=\"_self\" target=\"_self\" >C-624-13<\/a><\/h4>\n<div class=\"pt-cv-content\">\u00a0 \u00a0 \u00a0 \u00a0 \u00a0 \u00a0C-624-13 \u00a0 \u00a0 \u00a0 \u00a0 \u00a0 \u00a0\u00a0 Sentencia C-624\/13 \u00a0 \u00a0 PRESUPUESTO DEL SISTEMA GENERAL DE REGALIAS \u00a0 PARA EL BIENIO DEL 1\u00ba DE ENERO DE 2013 AL 31 DE DICIEMBRE DE 2014-Financiaci\u00f3n de proyectos de inversi\u00f3n por \u00a0 fondos del sistema general de regal\u00edas \u00a0 \u00a0 EXIGENCIA DE \u00a0 VOTO POSITIVO DEL GOBIERNO NACIONAL PARA APROBAR PROYECTOS FINANCIADOS CON \u00a0 RECURSOS DEL SISTEMA NACIONAL DE REGALIAS Y DETERMINACION DE LA ENTIDAD \u00a0 EJECUTORA-Vulneraci\u00f3n de principios democr\u00e1tico, de descentralizaci\u00f3n y \u00a0 autonom\u00eda de los entes territoriales \u00a0 \u00a0 El art\u00edculo 31 de la ley 1606, ...<br \/><div class=\"pt-cv-rmwrap\"><a href=\"https:\/\/www.dmsjuridica.com\/buscador_20179478954\/corteconstitucionalcronologico202454587\/c-624-13\/\" class=\"_self pt-cv-readmore btn btn-success\" target=\"_self\">Ver Sentencia Completa...<\/a><\/div><\/div><\/div><\/div>\n<div class=\"col-md-12 col-sm-12 col-xs-12 pt-cv-content-item pt-cv-1-col\" ><div class='pt-cv-ifield'><a href=\"https:\/\/www.dmsjuridica.com\/buscador_20179478954\/corteconstitucionalcronologico202454587\/c-623-13\/\" class=\"_self pt-cv-href-thumbnail pt-cv-thumb-default\" target=\"_self\" ><\/a>\n<div class=\"pt-cv-taxoterm above_title\"><a href='https:\/\/www.dmsjuridica.com\/buscador_20179478954\/corteconstitucionalcronologico202454587\/category\/buscar-en-toda-la-corte\/2013\/sentencias-2013\/' title='Sentencias 2013' class='pt-cv-tax-sentencias-2013'>Sentencias 2013<\/a><\/div>\n<h4 class=\"pt-cv-title\"><a href=\"https:\/\/www.dmsjuridica.com\/buscador_20179478954\/corteconstitucionalcronologico202454587\/c-623-13\/\" class=\"_self\" target=\"_self\" >C-623-13<\/a><\/h4>\n<div class=\"pt-cv-content\">\u00a0 \u00a0 \u00a0 \u00a0 \u00a0 \u00a0C-623-13 \u00a0 \u00a0 \u00a0 \u00a0 \u00a0 \u00a0\u00a0 Sentencia C-623\/13 \u00a0 \u00a0 ORGANIZACION LATINOAMERICANA DE ENERGIA \u00a0 (OLADE)-Transformaci\u00f3n \u00a0 por \u201cOrganizaci\u00f3n Latinoamericana y Caribe\u00f1a de Energ\u00eda\u201d (OLACDE) \u00a0 \u00a0 LEY APROBATORIA DE TRATADO INTERNACIONAL-Tr\u00e1mite de ley ordinaria\/LEY APROBATORIA DE TRATADO \u00a0 INTERNACIONAL-Tr\u00e1mite legislativo \u00a0 \u00a0 DECISION XXXVIII\/D\/453 DE LA REUNION DE \u00a0 MINISTROS, ADOPTADA EN MEDELLIN, COLOMBIA, EN EL MARCO DE LA ORGANIZACION \u00a0 LATINOAMERICANA DE ENERGIA DEL 30 DE NOVIEMBRE DE DOS MIL SIETE\u00a0 (2007)-Adhesi\u00f3n \u00a0 de Colombia a estos acuerdos se ajusta a la Constituci\u00f3n \u00a0 \u00a0 La adhesi\u00f3n de Colombia a estos acuerdos ...<br \/><div class=\"pt-cv-rmwrap\"><a href=\"https:\/\/www.dmsjuridica.com\/buscador_20179478954\/corteconstitucionalcronologico202454587\/c-623-13\/\" class=\"_self pt-cv-readmore btn btn-success\" target=\"_self\">Ver Sentencia Completa...<\/a><\/div><\/div><\/div><\/div>\n<div class=\"col-md-12 col-sm-12 col-xs-12 pt-cv-content-item pt-cv-1-col\" ><div class='pt-cv-ifield'><a href=\"https:\/\/www.dmsjuridica.com\/buscador_20179478954\/corteconstitucionalcronologico202454587\/c-622-13\/\" class=\"_self pt-cv-href-thumbnail pt-cv-thumb-default\" target=\"_self\" ><\/a>\n<div class=\"pt-cv-taxoterm above_title\"><a href='https:\/\/www.dmsjuridica.com\/buscador_20179478954\/corteconstitucionalcronologico202454587\/category\/buscar-en-toda-la-corte\/2013\/sentencias-2013\/' title='Sentencias 2013' class='pt-cv-tax-sentencias-2013'>Sentencias 2013<\/a><\/div>\n<h4 class=\"pt-cv-title\"><a href=\"https:\/\/www.dmsjuridica.com\/buscador_20179478954\/corteconstitucionalcronologico202454587\/c-622-13\/\" class=\"_self\" target=\"_self\" >C-622-13<\/a><\/h4>\n<div class=\"pt-cv-content\">\u00a0 \u00a0 \u00a0 \u00a0 \u00a0 \u00a0C-622-13 \u00a0 \u00a0 \u00a0 \u00a0 \u00a0 \u00a0\u00a0 Sentencia C-622\/13 \u00a0 \u00a0 (Bogot\u00e1 D.C., 10 de septiembre de 2013) \u00a0 \u00a0 CONVENCION SOBRE EL ESTATUTO DE \u00a0 APATRIDAS Y CONVENCION PARA REDUCIR CASOS DE APATRIDAS- Contenido no contraviene la Constituci\u00f3n Pol\u00edtica \u00a0 \u00a0 La Corte encuentra que se ajusta a los postulados \u00a0 constitucionales relativos a la integraci\u00f3n con otros Estados, a la soberan\u00eda \u00a0 nacional y a la autodeterminaci\u00f3n, el deber del Estado garantizar el respeto por \u00a0 la dignidad humana, la solidaridad de las personas que la integran, el deber de \u00a0 las autoridades ...<br \/><div class=\"pt-cv-rmwrap\"><a href=\"https:\/\/www.dmsjuridica.com\/buscador_20179478954\/corteconstitucionalcronologico202454587\/c-622-13\/\" class=\"_self pt-cv-readmore btn btn-success\" target=\"_self\">Ver Sentencia Completa...<\/a><\/div><\/div><\/div><\/div>\n<div class=\"col-md-12 col-sm-12 col-xs-12 pt-cv-content-item pt-cv-1-col\" ><div class='pt-cv-ifield'><a href=\"https:\/\/www.dmsjuridica.com\/buscador_20179478954\/corteconstitucionalcronologico202454587\/c-621-13\/\" class=\"_self pt-cv-href-thumbnail pt-cv-thumb-default\" target=\"_self\" ><\/a>\n<div class=\"pt-cv-taxoterm above_title\"><a href='https:\/\/www.dmsjuridica.com\/buscador_20179478954\/corteconstitucionalcronologico202454587\/category\/buscar-en-toda-la-corte\/2013\/sentencias-2013\/' title='Sentencias 2013' class='pt-cv-tax-sentencias-2013'>Sentencias 2013<\/a><\/div>\n<h4 class=\"pt-cv-title\"><a href=\"https:\/\/www.dmsjuridica.com\/buscador_20179478954\/corteconstitucionalcronologico202454587\/c-621-13\/\" class=\"_self\" target=\"_self\" >C-621-13<\/a><\/h4>\n<div class=\"pt-cv-content\">\u00a0 \u00a0 \u00a0 \u00a0 \u00a0 \u00a0C-621-13 \u00a0 \u00a0 \u00a0 \u00a0 \u00a0 \u00a0\u00a0 Sentencia C-621\/13 \u00a0 \u00a0 AUSENCIA DE \u00a0 DETERMINACION O PARAMETROS PARA DETERMINAR LOS SUJETOS PASIVOS Y BASE GRAVABLE \u00a0 DEL INGRESO PARAFISCAL PREVISTO EN LITERAL C DEL ARTICULO 101 DE LA LEY 1450 DE \u00a0 2011-Incumplimiento de \u00a0 los requisitos contenidos en el art\u00edculo 338 de la Constituci\u00f3n Pol\u00edtica\/AUSENCIA \u00a0 DE PARAMETROS, SISTEMA Y METODO PREVISTOS PARA EL RECAUDO CON DESTINO AL FONDO \u00a0 DE ESTABILIZACION DE RECURSOS QUE CONSTITUYEN CONTRIBUCION PARAFISCAL-Desconocimiento\u00a0 \u00a0 del principio de legalidad tributaria \u00a0 \u00a0 De acuerdo con el literal acusado, una de ...<br \/><div class=\"pt-cv-rmwrap\"><a href=\"https:\/\/www.dmsjuridica.com\/buscador_20179478954\/corteconstitucionalcronologico202454587\/c-621-13\/\" class=\"_self pt-cv-readmore btn btn-success\" target=\"_self\">Ver Sentencia Completa...<\/a><\/div><\/div><\/div><\/div>\n<div class=\"col-md-12 col-sm-12 col-xs-12 pt-cv-content-item pt-cv-1-col\" ><div class='pt-cv-ifield'><a href=\"https:\/\/www.dmsjuridica.com\/buscador_20179478954\/corteconstitucionalcronologico202454587\/c-616-13\/\" class=\"_self pt-cv-href-thumbnail pt-cv-thumb-default\" target=\"_self\" ><\/a>\n<div class=\"pt-cv-taxoterm above_title\"><a href='https:\/\/www.dmsjuridica.com\/buscador_20179478954\/corteconstitucionalcronologico202454587\/category\/buscar-en-toda-la-corte\/2013\/sentencias-2013\/' title='Sentencias 2013' class='pt-cv-tax-sentencias-2013'>Sentencias 2013<\/a><\/div>\n<h4 class=\"pt-cv-title\"><a href=\"https:\/\/www.dmsjuridica.com\/buscador_20179478954\/corteconstitucionalcronologico202454587\/c-616-13\/\" class=\"_self\" target=\"_self\" >C-616-13<\/a><\/h4>\n<div class=\"pt-cv-content\">\u00a0 \u00a0 \u00a0 \u00a0 \u00a0 \u00a0C-616-13 \u00a0 \u00a0 \u00a0 \u00a0 \u00a0 \u00a0\u00a0 Sentencia C-616\/13 \u00a0 \u00a0 CONVENIO 189 \u00a0 DE LA OIT SOBRE TRABAJO DECENTE PARA TRABAJADORAS Y TRABAJADORES DOMESTICOS-Se \u00a0 ajusta a la Constituci\u00f3n tanto por su aspecto formal como en su contenido \u00a0 normativo \u00a0 \u00a0 Luego de \u00a0 los argumentos expuestos, la Sala Plena evidencia que la ley aprobatoria del \u00a0 Convenio 189 estuvo precedida de un tr\u00e1mite legislativo ajustado a las reglas \u00a0 previstas en la Carta Pol\u00edtica para el efecto.\u00a0 De otro lado, en lo que \u00a0 respecta al \u00e1mbito material del tratado, est\u00e1 conformado ...<br \/><div class=\"pt-cv-rmwrap\"><a href=\"https:\/\/www.dmsjuridica.com\/buscador_20179478954\/corteconstitucionalcronologico202454587\/c-616-13\/\" class=\"_self pt-cv-readmore btn btn-success\" target=\"_self\">Ver Sentencia Completa...<\/a><\/div><\/div><\/div><\/div>\n<div class=\"col-md-12 col-sm-12 col-xs-12 pt-cv-content-item pt-cv-1-col\" ><div class='pt-cv-ifield'><a href=\"https:\/\/www.dmsjuridica.com\/buscador_20179478954\/corteconstitucionalcronologico202454587\/c-615-13\/\" class=\"_self pt-cv-href-thumbnail pt-cv-thumb-default\" target=\"_self\" ><\/a>\n<div class=\"pt-cv-taxoterm above_title\"><a href='https:\/\/www.dmsjuridica.com\/buscador_20179478954\/corteconstitucionalcronologico202454587\/category\/buscar-en-toda-la-corte\/2013\/sentencias-2013\/' title='Sentencias 2013' class='pt-cv-tax-sentencias-2013'>Sentencias 2013<\/a><\/div>\n<h4 class=\"pt-cv-title\"><a href=\"https:\/\/www.dmsjuridica.com\/buscador_20179478954\/corteconstitucionalcronologico202454587\/c-615-13\/\" class=\"_self\" target=\"_self\" >C-615-13<\/a><\/h4>\n<div class=\"pt-cv-content\">\u00a0 \u00a0 \u00a0 \u00a0 \u00a0 \u00a0C-615-13 \u00a0 \u00a0 \u00a0 \u00a0 \u00a0 \u00a0\u00a0 Sentencia C-615\/13 \u00a0 \u00a0 MEDIDAS PARA FORMALIZAR EL SECTOR DEL ESPECTACULO PUBLICO DE LAS ARTES \u00a0 ESCENICAS-Creaci\u00f3n de \u00a0 Contribuci\u00f3n parafiscal\/CREACION Y REGULACION INTEGRAL DE CONTRIBUCION \u00a0 PARAFISCAL CULTURAL MEDIANTE LEY DEL CONGRESO-No vulnera los principios de \u00a0 autonom\u00eda territorial y descentralizaci\u00f3n administrativa \u00a0 \u00a0 En el presente an\u00e1lisis de constitucionalidad, la Sala concluye que, por \u00a0 tratarse de una contribuci\u00f3n parafiscal, el Legislador cuenta con competencia \u00a0 constitucional y legal para su creaci\u00f3n y regulaci\u00f3n integral de su r\u00e9gimen \u00a0 jur\u00eddico, de manera que se encuentra investido ...<br \/><div class=\"pt-cv-rmwrap\"><a href=\"https:\/\/www.dmsjuridica.com\/buscador_20179478954\/corteconstitucionalcronologico202454587\/c-615-13\/\" class=\"_self pt-cv-readmore btn btn-success\" target=\"_self\">Ver Sentencia Completa...<\/a><\/div><\/div><\/div><\/div>\n<div class=\"col-md-12 col-sm-12 col-xs-12 pt-cv-content-item pt-cv-1-col\" ><div class='pt-cv-ifield'><a href=\"https:\/\/www.dmsjuridica.com\/buscador_20179478954\/corteconstitucionalcronologico202454587\/c-614-13\/\" class=\"_self pt-cv-href-thumbnail pt-cv-thumb-default\" target=\"_self\" ><\/a>\n<div class=\"pt-cv-taxoterm above_title\"><a href='https:\/\/www.dmsjuridica.com\/buscador_20179478954\/corteconstitucionalcronologico202454587\/category\/buscar-en-toda-la-corte\/2013\/sentencias-2013\/' title='Sentencias 2013' class='pt-cv-tax-sentencias-2013'>Sentencias 2013<\/a><\/div>\n<h4 class=\"pt-cv-title\"><a href=\"https:\/\/www.dmsjuridica.com\/buscador_20179478954\/corteconstitucionalcronologico202454587\/c-614-13\/\" class=\"_self\" target=\"_self\" >C-614-13<\/a><\/h4>\n<div class=\"pt-cv-content\">\u00a0 \u00a0 \u00a0 \u00a0 \u00a0 \u00a0C-614-13 \u00a0 \u00a0 \u00a0 \u00a0 \u00a0 \u00a0\u00a0 Sentencia C-614\/13 \u00a0 \u00a0 (Bogot\u00e1 D.C., septiembre 4) \u00a0 \u00a0 INHIBICION DE LA CORTE CONSTITUCIONAL POR INEPTITUD SUSTANTIVA DE LA DEMANDA-Ausencia \u00a0 de claridad, certeza, pertinencia y suficiencia \u00a0 \u00a0 INHIBICION DE LA CORTE CONSTITUCIONAL-Configuraci\u00f3n por ineptitud sustantiva \u00a0 de la demanda \u00a0 \u00a0 ACCION PUBLICA DE INCONSTITUCIONALIDAD-Requisitos de procedibilidad \u00a0 \u00a0 COSA JUZGADA MATERIAL-Requisitos para su configuraci\u00f3n \u00a0 \u00a0 Referencia: expediente D-9531. \u00a0 \u00a0 Actor: Jairo Bazurto Pach\u00f3n. \u00a0 \u00a0 Demanda de inconstitucionalidad\u00a0\u00a0\u00a0 \u00a0 \u00a0contra el segundo y el tercer inciso del art\u00edculo 26 de la Ley ...<br \/><div class=\"pt-cv-rmwrap\"><a href=\"https:\/\/www.dmsjuridica.com\/buscador_20179478954\/corteconstitucionalcronologico202454587\/c-614-13\/\" class=\"_self pt-cv-readmore btn btn-success\" target=\"_self\">Ver Sentencia Completa...<\/a><\/div><\/div><\/div><\/div>\n<div class=\"col-md-12 col-sm-12 col-xs-12 pt-cv-content-item pt-cv-1-col\" ><div class='pt-cv-ifield'><a href=\"https:\/\/www.dmsjuridica.com\/buscador_20179478954\/corteconstitucionalcronologico202454587\/c-613-13\/\" class=\"_self pt-cv-href-thumbnail pt-cv-thumb-default\" target=\"_self\" ><\/a>\n<div class=\"pt-cv-taxoterm above_title\"><a href='https:\/\/www.dmsjuridica.com\/buscador_20179478954\/corteconstitucionalcronologico202454587\/category\/buscar-en-toda-la-corte\/2013\/sentencias-2013\/' title='Sentencias 2013' class='pt-cv-tax-sentencias-2013'>Sentencias 2013<\/a><\/div>\n<h4 class=\"pt-cv-title\"><a href=\"https:\/\/www.dmsjuridica.com\/buscador_20179478954\/corteconstitucionalcronologico202454587\/c-613-13\/\" class=\"_self\" target=\"_self\" >C-613-13<\/a><\/h4>\n<div class=\"pt-cv-content\">\u00a0 \u00a0 \u00a0 \u00a0 \u00a0 \u00a0C-613-13 \u00a0 \u00a0 \u00a0 \u00a0 \u00a0 \u00a0\u00a0 Sentencia C-613\/13 \u00a0 \u00a0 PENSION FAMILIAR EN REGIMEN DE PRIMA MEDIA CON PRESTACION DEFINIDA EN \u00a0 LEY 1580 DE 2012, BENEFICIARIOS Y MONTO-No \u00a0 vulneraci\u00f3n del derecho a la igualdad \u00a0 \u00a0 La Sala declara la exequibilidad de los \u00a0 literales k) y m) del art\u00edculo 151C de la ley 100, introducidos por la ley 1580 \u00a0 de 2012, por cuanto en t\u00e9rminos generales encontr\u00f3 que los cargos formulados por \u00a0 el demandante son infundados: en primer lugar, los grupos que identifica el \u00a0 actor no son comparables, ...<br \/><div class=\"pt-cv-rmwrap\"><a href=\"https:\/\/www.dmsjuridica.com\/buscador_20179478954\/corteconstitucionalcronologico202454587\/c-613-13\/\" class=\"_self pt-cv-readmore btn btn-success\" target=\"_self\">Ver Sentencia Completa...<\/a><\/div><\/div><\/div><\/div>\n<div class=\"col-md-12 col-sm-12 col-xs-12 pt-cv-content-item pt-cv-1-col\" ><div class='pt-cv-ifield'><a href=\"https:\/\/www.dmsjuridica.com\/buscador_20179478954\/corteconstitucionalcronologico202454587\/c-612-13\/\" class=\"_self pt-cv-href-thumbnail pt-cv-thumb-default\" target=\"_self\" ><\/a>\n<div class=\"pt-cv-taxoterm above_title\"><a href='https:\/\/www.dmsjuridica.com\/buscador_20179478954\/corteconstitucionalcronologico202454587\/category\/buscar-en-toda-la-corte\/2013\/sentencias-2013\/' title='Sentencias 2013' class='pt-cv-tax-sentencias-2013'>Sentencias 2013<\/a><\/div>\n<h4 class=\"pt-cv-title\"><a href=\"https:\/\/www.dmsjuridica.com\/buscador_20179478954\/corteconstitucionalcronologico202454587\/c-612-13\/\" class=\"_self\" target=\"_self\" >C-612-13<\/a><\/h4>\n<div class=\"pt-cv-content\">\u00a0 \u00a0 \u00a0 \u00a0 \u00a0 \u00a0C-612-13 \u00a0 \u00a0 \u00a0 \u00a0 \u00a0 \u00a0\u00a0 Sentencia \u00a0 C-612\/13 \u00a0 \u00a0 IMPEDIMENTOS \u00a0 DE REGISTRADORES DE INSTRUMENTOS PUBLICOS-Exequibilidad condicionada de la \u00a0 expresi\u00f3n \u201co sancionados disciplinariamente\u201d, contenida en el literal e) del \u00a0 art\u00edculo 79 de la ley 1579 de 2012 \u00a0 \u00a0 En el caso concreto de la \u00a0 inhabilidad prevista en el literal e) del art\u00edculo 79 de la Ley 1579 de 2012, la \u00a0 Corte encuentra que atendiendo a la importancia y trascendencia de la funci\u00f3n a \u00a0 cargo de los Registradores de Instrumentos P\u00fablicos, esencial para la garant\u00eda y \u00a0 ...<br \/><div class=\"pt-cv-rmwrap\"><a href=\"https:\/\/www.dmsjuridica.com\/buscador_20179478954\/corteconstitucionalcronologico202454587\/c-612-13\/\" class=\"_self pt-cv-readmore btn btn-success\" target=\"_self\">Ver Sentencia Completa...<\/a><\/div><\/div><\/div><\/div>\n<div class=\"col-md-12 col-sm-12 col-xs-12 pt-cv-content-item pt-cv-1-col\" ><div class='pt-cv-ifield'><a href=\"https:\/\/www.dmsjuridica.com\/buscador_20179478954\/corteconstitucionalcronologico202454587\/c-581-13\/\" class=\"_self pt-cv-href-thumbnail pt-cv-thumb-default\" target=\"_self\" ><\/a>\n<div class=\"pt-cv-taxoterm above_title\"><a href='https:\/\/www.dmsjuridica.com\/buscador_20179478954\/corteconstitucionalcronologico202454587\/category\/buscar-en-toda-la-corte\/2013\/sentencias-2013\/' title='Sentencias 2013' class='pt-cv-tax-sentencias-2013'>Sentencias 2013<\/a><\/div>\n<h4 class=\"pt-cv-title\"><a href=\"https:\/\/www.dmsjuridica.com\/buscador_20179478954\/corteconstitucionalcronologico202454587\/c-581-13\/\" class=\"_self\" target=\"_self\" >C-581-13<\/a><\/h4>\n<div class=\"pt-cv-content\">\u00a0 \u00a0 \u00a0 \u00a0 \u00a0 \u00a0C-581-13 \u00a0 \u00a0 \u00a0 \u00a0 \u00a0 \u00a0\u00a0 Sentencia C-581\/13 \u00a0 \u00a0 ACTUACIONES DE AUTORIDADES JUDICIALES Y ADMINISTRATIVAS \u00a0 EN MATERIA DE REPARACION INTEGRAL DE VICTIMAS-Deben observar criterios de justicia transicional y \u00a0 sostenibilidad fiscal \u00a0 \u00a0 Agotado el an\u00e1lisis de los asuntos de \u00a0 constitucionalidad suscitados por la presente demanda, la Corte ha determinado \u00a0 que los incisos 5\u00b0 y 6\u00b0 del art\u00edculo 9\u00b0 de la Ley de V\u00edctimas no son contrarios \u00a0 a las normas superiores y del bloque de constitucionalidad invocadas por los \u00a0 actores. Como principal sustento de esta conclusi\u00f3n, la Corte ...<br \/><div class=\"pt-cv-rmwrap\"><a href=\"https:\/\/www.dmsjuridica.com\/buscador_20179478954\/corteconstitucionalcronologico202454587\/c-581-13\/\" class=\"_self pt-cv-readmore btn btn-success\" target=\"_self\">Ver Sentencia Completa...<\/a><\/div><\/div><\/div><\/div>\n<div class=\"col-md-12 col-sm-12 col-xs-12 pt-cv-content-item pt-cv-1-col\" ><div class='pt-cv-ifield'><a href=\"https:\/\/www.dmsjuridica.com\/buscador_20179478954\/corteconstitucionalcronologico202454587\/c-580-13\/\" class=\"_self pt-cv-href-thumbnail pt-cv-thumb-default\" target=\"_self\" ><\/a>\n<div class=\"pt-cv-taxoterm above_title\"><a href='https:\/\/www.dmsjuridica.com\/buscador_20179478954\/corteconstitucionalcronologico202454587\/category\/buscar-en-toda-la-corte\/2013\/sentencias-2013\/' title='Sentencias 2013' class='pt-cv-tax-sentencias-2013'>Sentencias 2013<\/a><\/div>\n<h4 class=\"pt-cv-title\"><a href=\"https:\/\/www.dmsjuridica.com\/buscador_20179478954\/corteconstitucionalcronologico202454587\/c-580-13\/\" class=\"_self\" target=\"_self\" >C-580-13<\/a><\/h4>\n<div class=\"pt-cv-content\">\u00a0 \u00a0 \u00a0 \u00a0 \u00a0 \u00a0C-580-13 \u00a0 \u00a0 \u00a0 \u00a0 \u00a0 \u00a0\u00a0 Sentencia \u00a0 C-580\/13 \u00a0 \u00a0 DISTRIBUCION \u00a0 DE COMPETENCIAS ENTRE ENTIDADES DEL ESTADO EN MATERIA DE TELEVISION-Contenido \u00a0 y alcance\/AUTORIDAD NACIONAL DE TELEVISION-Naturaleza jur\u00eddica\/INTERVENCION \u00a0 DEL MINISTRO DE TECNOLOGIAS DE INFORMACION Y COMUNICACIONES EN JUNTA NACIONAL DE \u00a0 TELEVISION-Alcance \u00a0 \u00a0 PASIVO \u00a0 PENSIONAL DE EXTRABAJADORES DE INRAVISION-Inhibici\u00f3n para decidir de fondo \u00a0 respecto del art\u00edculo 19 de la Ley 1507 de 2012 por falta de certeza en el cargo \u00a0 \u00a0 CONTROL DE CONSTITUCIONALIDAD DE NORMA DEROGADA-Procedencia \u00a0 \u00a0 CONTROL DE CONSTITUCIONALIDAD DE NORMA DEROGADA-Jurisprudencia constitucional \u00a0 ...<br \/><div class=\"pt-cv-rmwrap\"><a href=\"https:\/\/www.dmsjuridica.com\/buscador_20179478954\/corteconstitucionalcronologico202454587\/c-580-13\/\" class=\"_self pt-cv-readmore btn btn-success\" target=\"_self\">Ver Sentencia Completa...<\/a><\/div><\/div><\/div><\/div>\n<div class=\"col-md-12 col-sm-12 col-xs-12 pt-cv-content-item pt-cv-1-col\" ><div class='pt-cv-ifield'><a href=\"https:\/\/www.dmsjuridica.com\/buscador_20179478954\/corteconstitucionalcronologico202454587\/c-579-13\/\" class=\"_self pt-cv-href-thumbnail pt-cv-thumb-default\" target=\"_self\" ><\/a>\n<div class=\"pt-cv-taxoterm above_title\"><a href='https:\/\/www.dmsjuridica.com\/buscador_20179478954\/corteconstitucionalcronologico202454587\/category\/buscar-en-toda-la-corte\/2013\/sentencias-2013\/' title='Sentencias 2013' class='pt-cv-tax-sentencias-2013'>Sentencias 2013<\/a><\/div>\n<h4 class=\"pt-cv-title\"><a href=\"https:\/\/www.dmsjuridica.com\/buscador_20179478954\/corteconstitucionalcronologico202454587\/c-579-13\/\" class=\"_self\" target=\"_self\" >C-579-13<\/a><\/h4>\n<div class=\"pt-cv-content\">\u00a0 \u00a0 \u00a0 \u00a0 \u00a0 \u00a0C-579-13 \u00a0 \u00a0 \u00a0 \u00a0 \u00a0 \u00a0\u00a0 Sentencia C-579\/13 \u00a0 \u00a0 INSTRUMENTOS JURIDICOS DE \u00a0 JUSTICIA TRANSICIONAL-No sustituye elementos estructurales y definitorios de la \u00a0 Constituci\u00f3n Pol\u00edtica\/MARCO JURIDICO PARA LA PAZ-Contenido y \u00a0 alcance \u00a0 \u00a0 JUSTICIA TRANSICIONAL-Criterios de priorizaci\u00f3n para el ejercicio de \u00a0 la acci\u00f3n penal \u00a0 \u00a0 JUSTICIA TRANSICIONAL-Instrumentos jur\u00eddicos \u00a0 \u00a0 CONTROL DE CONSTITUCIONALIDAD DE \u00a0 ACTO LEGISLATIVO POR VICIOS DE PROCEDIMIENTO-Contenido y alcance \u00a0 \u00a0 DEMANDA DE INCONSTITUCIONALIDAD \u00a0 CONTRA ACTO LEGISLATIVO-Requisitos \u00a0 \u00a0 DEMANDA DE INCONSTITUCIONALIDAD \u00a0 CONTRA ACTO LEGISLATIVO POR SUSTITUCION DE LA CONSTITUCION-Exigencias \u00a0 \u00a0 CONTROL DE ...<br \/><div class=\"pt-cv-rmwrap\"><a href=\"https:\/\/www.dmsjuridica.com\/buscador_20179478954\/corteconstitucionalcronologico202454587\/c-579-13\/\" class=\"_self pt-cv-readmore btn btn-success\" target=\"_self\">Ver Sentencia Completa...<\/a><\/div><\/div><\/div><\/div>\n<div class=\"col-md-12 col-sm-12 col-xs-12 pt-cv-content-item pt-cv-1-col\" ><div class='pt-cv-ifield'><a href=\"https:\/\/www.dmsjuridica.com\/buscador_20179478954\/corteconstitucionalcronologico202454587\/c-555-13\/\" class=\"_self pt-cv-href-thumbnail pt-cv-thumb-default\" target=\"_self\" ><\/a>\n<div class=\"pt-cv-taxoterm above_title\"><a href='https:\/\/www.dmsjuridica.com\/buscador_20179478954\/corteconstitucionalcronologico202454587\/category\/buscar-en-toda-la-corte\/2013\/sentencias-2013\/' title='Sentencias 2013' class='pt-cv-tax-sentencias-2013'>Sentencias 2013<\/a><\/div>\n<h4 class=\"pt-cv-title\"><a href=\"https:\/\/www.dmsjuridica.com\/buscador_20179478954\/corteconstitucionalcronologico202454587\/c-555-13\/\" class=\"_self\" target=\"_self\" >C-555-13<\/a><\/h4>\n<div class=\"pt-cv-content\">\u00a0 \u00a0 \u00a0 \u00a0 \u00a0 \u00a0C-555-13 \u00a0 \u00a0 \u00a0 \u00a0 \u00a0 \u00a0\u00a0 Sentencia C-555\/13 \u00a0 \u00a0 CLAUSULAS DE REVERSION EN CONTRATOS DE CONCESION PARA PRESTACION DE SERVICIO DE \u00a0 TELECOMUNICACIONES-Respeto del contenido en aquellos contratos celebrados \u00a0 con anterioridad a la normatividad legal vigente \u00a0 \u00a0 A juicio de la \u00a0 Corte, la decisi\u00f3n de excluir de la reversi\u00f3n los bienes afectos al servicio de \u00a0 telecomunicaciones, para ordenar solo la devoluci\u00f3n de las frecuencias \u00a0 radioel\u00e9ctricas, en principio, persigue un fin leg\u00edtimo en tanto puede \u00a0 incentivar la participaci\u00f3n en los procesos licitatorios. Sin \u00a0 embargo, el Tribunal advierte ...<br \/><div class=\"pt-cv-rmwrap\"><a href=\"https:\/\/www.dmsjuridica.com\/buscador_20179478954\/corteconstitucionalcronologico202454587\/c-555-13\/\" class=\"_self pt-cv-readmore btn btn-success\" target=\"_self\">Ver Sentencia Completa...<\/a><\/div><\/div><\/div><\/div>\n<div class=\"col-md-12 col-sm-12 col-xs-12 pt-cv-content-item pt-cv-1-col\" ><div class='pt-cv-ifield'><a href=\"https:\/\/www.dmsjuridica.com\/buscador_20179478954\/corteconstitucionalcronologico202454587\/c-543-13\/\" class=\"_self pt-cv-href-thumbnail pt-cv-thumb-default\" target=\"_self\" ><\/a>\n<div class=\"pt-cv-taxoterm above_title\"><a href='https:\/\/www.dmsjuridica.com\/buscador_20179478954\/corteconstitucionalcronologico202454587\/category\/buscar-en-toda-la-corte\/2013\/sentencias-2013\/' title='Sentencias 2013' class='pt-cv-tax-sentencias-2013'>Sentencias 2013<\/a><\/div>\n<h4 class=\"pt-cv-title\"><a href=\"https:\/\/www.dmsjuridica.com\/buscador_20179478954\/corteconstitucionalcronologico202454587\/c-543-13\/\" class=\"_self\" target=\"_self\" >C-543-13<\/a><\/h4>\n<div class=\"pt-cv-content\">\u00a0 \u00a0 \u00a0 \u00a0 \u00a0 \u00a0C-543-13 \u00a0 \u00a0 \u00a0 \u00a0 \u00a0 \u00a0\u00a0 Sentencia \u00a0 C-543\/13 \u00a0 \u00a0 INEMBARGABILIDAD DE RECURSOS DEL SISTEMA GENERAL DE REGALIAS-Contenido\/BIENES INEMBARGABLES-Contenido \u00a0 \u00a0 DEMANDA DE INCONSTITUCIONALIDAD-Concepto \u00a0 de violaci\u00f3n\/ CONCEPTO DE VIOLACION EN DEMANDA DE INCONSTITUCIONALIDAD-Caracter\u00edsticas \u00a0 \u00a0 En la sentencia C-1052 de 2001, la Corte precis\u00f3 las \u00a0 caracter\u00edsticas que debe reunir el concepto de violaci\u00f3n formulado por el \u00a0 demandante. De acuerdo con este fallo, las razones presentadas por el actor \u00a0 deben ser claras, ciertas, espec\u00edficas, pertinentes y suficientes. (i) La \u00a0 claridad se refiere a la existencia de un hilo conductor ...<br \/><div class=\"pt-cv-rmwrap\"><a href=\"https:\/\/www.dmsjuridica.com\/buscador_20179478954\/corteconstitucionalcronologico202454587\/c-543-13\/\" class=\"_self pt-cv-readmore btn btn-success\" target=\"_self\">Ver Sentencia Completa...<\/a><\/div><\/div><\/div><\/div>\n<div class=\"col-md-12 col-sm-12 col-xs-12 pt-cv-content-item pt-cv-1-col\" ><div class='pt-cv-ifield'><a href=\"https:\/\/www.dmsjuridica.com\/buscador_20179478954\/corteconstitucionalcronologico202454587\/c-535-13\/\" class=\"_self pt-cv-href-thumbnail pt-cv-thumb-default\" target=\"_self\" ><\/a>\n<div class=\"pt-cv-taxoterm above_title\"><a href='https:\/\/www.dmsjuridica.com\/buscador_20179478954\/corteconstitucionalcronologico202454587\/category\/buscar-en-toda-la-corte\/2013\/sentencias-2013\/' title='Sentencias 2013' class='pt-cv-tax-sentencias-2013'>Sentencias 2013<\/a><\/div>\n<h4 class=\"pt-cv-title\"><a href=\"https:\/\/www.dmsjuridica.com\/buscador_20179478954\/corteconstitucionalcronologico202454587\/c-535-13\/\" class=\"_self\" target=\"_self\" >C-535-13<\/a><\/h4>\n<div class=\"pt-cv-content\">\u00a0 \u00a0 \u00a0 \u00a0 \u00a0 \u00a0C-535-13 \u00a0 \u00a0 \u00a0 \u00a0 \u00a0 \u00a0\u00a0 Sentencia C-535\/13 \u00a0 \u00a0 (Bogot\u00e1 D.C., 15 de agosto) \u00a0 \u00a0 CREACION, ESTRUCTURA Y FUNCIONES de AGENCIA \u00a0 ITRC-Inhibici\u00f3n para decidir de fondo \u00a0 \u00a0 DEMANDA DE INCONSTITUCIONALIDAD-Requisitos \u00a0 \u00a0 ACCION PUBLICA DE INCONSTITUCIONALIDAD-Necesidad de un m\u00ednimo de \u00a0 argumentaci\u00f3n \u00a0 \u00a0 DEMANDA DE INCONSTITUCIONALIDAD-Razones claras, ciertas, espec\u00edficas, \u00a0 pertinentes y suficientes \u00a0 \u00a0 DEMANDA DE INCONSTITUCIONALIDAD-Jurisprudencia constitucional sobre \u00a0 oportunidad procesal para definir la aptitud de la demanda \u00a0 \u00a0 ACCION DE INCONSTITUCIONALIDAD-Inhibici\u00f3n para emitir un pronunciamiento de \u00a0 fondo respecto de la constitucionalidad del Decreto Ley ...<br \/><div class=\"pt-cv-rmwrap\"><a href=\"https:\/\/www.dmsjuridica.com\/buscador_20179478954\/corteconstitucionalcronologico202454587\/c-535-13\/\" class=\"_self pt-cv-readmore btn btn-success\" target=\"_self\">Ver Sentencia Completa...<\/a><\/div><\/div><\/div><\/div>\n<div class=\"col-md-12 col-sm-12 col-xs-12 pt-cv-content-item pt-cv-1-col\" ><div class='pt-cv-ifield'><a href=\"https:\/\/www.dmsjuridica.com\/buscador_20179478954\/corteconstitucionalcronologico202454587\/c-533-13\/\" class=\"_self pt-cv-href-thumbnail pt-cv-thumb-default\" target=\"_self\" ><\/a>\n<div class=\"pt-cv-taxoterm above_title\"><a href='https:\/\/www.dmsjuridica.com\/buscador_20179478954\/corteconstitucionalcronologico202454587\/category\/buscar-en-toda-la-corte\/2013\/sentencias-2013\/' title='Sentencias 2013' class='pt-cv-tax-sentencias-2013'>Sentencias 2013<\/a><\/div>\n<h4 class=\"pt-cv-title\"><a href=\"https:\/\/www.dmsjuridica.com\/buscador_20179478954\/corteconstitucionalcronologico202454587\/c-533-13\/\" class=\"_self\" target=\"_self\" >C-533-13<\/a><\/h4>\n<div class=\"pt-cv-content\">\u00a0 \u00a0 \u00a0 \u00a0 \u00a0 \u00a0C-533-13 \u00a0 \u00a0 \u00a0 \u00a0 \u00a0 \u00a0\u00a0 Sentencia C-533\/13 \u00a0 \u00a0 CONCILIACION PREJUDICIAL \u00a0 COMO REQUISITO DE PROCEDIBILIDAD DE PROCESOS EJECUTIVOS CONTRA MUNICIPIOS-No \u00a0 vulnera el acceso a la justicia ni la igualdad, salvo en el caso del cobro \u00a0 ejecutivo de acreencias laborales a favor de los trabajadores \u00a0 \u00a0 La Sala Plena concluye que: (i) el legislador no \u00a0 viola el derecho de acceso a la justicia al establecer la conciliaci\u00f3n \u00a0 prejudicial como requisito de procedibilidad en los procesos ejecutivos que se \u00a0 promuevan contra los municipios, por cuanto es una herramienta ...<br \/><div class=\"pt-cv-rmwrap\"><a href=\"https:\/\/www.dmsjuridica.com\/buscador_20179478954\/corteconstitucionalcronologico202454587\/c-533-13\/\" class=\"_self pt-cv-readmore btn btn-success\" target=\"_self\">Ver Sentencia Completa...<\/a><\/div><\/div><\/div><\/div>\n<div class=\"col-md-12 col-sm-12 col-xs-12 pt-cv-content-item pt-cv-1-col\" ><div class='pt-cv-ifield'><a href=\"https:\/\/www.dmsjuridica.com\/buscador_20179478954\/corteconstitucionalcronologico202454587\/c-532-13\/\" class=\"_self pt-cv-href-thumbnail pt-cv-thumb-default\" target=\"_self\" ><\/a>\n<div class=\"pt-cv-taxoterm above_title\"><a href='https:\/\/www.dmsjuridica.com\/buscador_20179478954\/corteconstitucionalcronologico202454587\/category\/buscar-en-toda-la-corte\/2013\/sentencias-2013\/' title='Sentencias 2013' class='pt-cv-tax-sentencias-2013'>Sentencias 2013<\/a><\/div>\n<h4 class=\"pt-cv-title\"><a href=\"https:\/\/www.dmsjuridica.com\/buscador_20179478954\/corteconstitucionalcronologico202454587\/c-532-13\/\" class=\"_self\" target=\"_self\" >C-532-13<\/a><\/h4>\n<div class=\"pt-cv-content\">\u00a0 \u00a0 \u00a0 \u00a0 \u00a0 \u00a0C-532-13 \u00a0 \u00a0 \u00a0 \u00a0 \u00a0 \u00a0\u00a0 Sentencia C-532\/13 \u00a0 \u00a0 SISTEMA DE ELECCION DE \u00a0 MAGISTRADOS QUE CONOCEN DE PROCESOS DE JUSTICIA Y PAZ-Aplicaci\u00f3n del \u00a0 principio del m\u00e9rito \u00a0 \u00a0 COSA JUZGADA CONSTITUCIONAL-Definici\u00f3n \u00a0 \u00a0 La cosa \u00a0 juzgada constitucional es una instituci\u00f3n jur\u00eddica procesal, que tiene su \u00a0 fundamento en el art\u00edculo 243 de la Constituci\u00f3n Pol\u00edtica, mediante la cual se \u00a0 otorga a las decisiones plasmadas en una sentencia de constitucionalidad, el \u00a0 car\u00e1cter de inmutables, vinculantes y definitivas. \u00a0 \u00a0 COSA JUZGADA CONSTITUCIONAL \u00a0 FORMAL-Configuraci\u00f3n \u00a0 \u00a0 La jurisprudencia constitucional ...<br \/><div class=\"pt-cv-rmwrap\"><a href=\"https:\/\/www.dmsjuridica.com\/buscador_20179478954\/corteconstitucionalcronologico202454587\/c-532-13\/\" class=\"_self pt-cv-readmore btn btn-success\" target=\"_self\">Ver Sentencia Completa...<\/a><\/div><\/div><\/div><\/div>\n<div class=\"col-md-12 col-sm-12 col-xs-12 pt-cv-content-item pt-cv-1-col\" ><div class='pt-cv-ifield'><a href=\"https:\/\/www.dmsjuridica.com\/buscador_20179478954\/corteconstitucionalcronologico202454587\/c-531-13\/\" class=\"_self pt-cv-href-thumbnail pt-cv-thumb-default\" target=\"_self\" ><\/a>\n<div class=\"pt-cv-taxoterm above_title\"><a href='https:\/\/www.dmsjuridica.com\/buscador_20179478954\/corteconstitucionalcronologico202454587\/category\/buscar-en-toda-la-corte\/2013\/sentencias-2013\/' title='Sentencias 2013' class='pt-cv-tax-sentencias-2013'>Sentencias 2013<\/a><\/div>\n<h4 class=\"pt-cv-title\"><a href=\"https:\/\/www.dmsjuridica.com\/buscador_20179478954\/corteconstitucionalcronologico202454587\/c-531-13\/\" class=\"_self\" target=\"_self\" >C-531-13<\/a><\/h4>\n<div class=\"pt-cv-content\">\u00a0 \u00a0 \u00a0 \u00a0 \u00a0 \u00a0C-531-13 \u00a0 \u00a0 \u00a0 \u00a0 \u00a0 \u00a0\u00a0 Sentencia C-531\/13 \u00a0 \u00a0 REGULACION DEL DESISTIMIENTO TACITO-Inhibici\u00f3n para decidir de fondo \u00a0 \u00a0 El concepto de la violaci\u00f3n de los cargos de la \u00a0 demanda no satisface los m\u00ednimos argumentativos de certeza y especificidad, por \u00a0 lo cual este tribunal se inhibe de pronunciarse de fondo sobre la exequibilidad \u00a0 de las expresiones demandadas. \u00a0 \u00a0 DEMANDA DE INCONSTITUCIONALIDAD-Requisitos \u00a0 \u00a0 ACCION PUBLICA DE INCONSTITUCIONALIDAD-Necesidad de un m\u00ednimo de \u00a0 argumentaci\u00f3n \u00a0 \u00a0 DEMANDA DE INCONSTITUCIONALIDAD-Razones claras, ciertas, espec\u00edficas, \u00a0 pertinentes y suficientes \u00a0 \u00a0 DEMANDA DE ...<br \/><div class=\"pt-cv-rmwrap\"><a href=\"https:\/\/www.dmsjuridica.com\/buscador_20179478954\/corteconstitucionalcronologico202454587\/c-531-13\/\" class=\"_self pt-cv-readmore btn btn-success\" target=\"_self\">Ver Sentencia Completa...<\/a><\/div><\/div><\/div><\/div>\n<div class=\"col-md-12 col-sm-12 col-xs-12 pt-cv-content-item pt-cv-1-col\" ><div class='pt-cv-ifield'><a href=\"https:\/\/www.dmsjuridica.com\/buscador_20179478954\/corteconstitucionalcronologico202454587\/c-530-13\/\" class=\"_self pt-cv-href-thumbnail pt-cv-thumb-default\" target=\"_self\" ><\/a>\n<div class=\"pt-cv-taxoterm above_title\"><a href='https:\/\/www.dmsjuridica.com\/buscador_20179478954\/corteconstitucionalcronologico202454587\/category\/buscar-en-toda-la-corte\/2013\/sentencias-2013\/' title='Sentencias 2013' class='pt-cv-tax-sentencias-2013'>Sentencias 2013<\/a><\/div>\n<h4 class=\"pt-cv-title\"><a href=\"https:\/\/www.dmsjuridica.com\/buscador_20179478954\/corteconstitucionalcronologico202454587\/c-530-13\/\" class=\"_self\" target=\"_self\" >C-530-13<\/a><\/h4>\n<div class=\"pt-cv-content\">\u00a0 \u00a0 \u00a0 \u00a0 \u00a0 \u00a0C-530-13 \u00a0 \u00a0 \u00a0 \u00a0 \u00a0 \u00a0\u00a0 Sentencia \u00a0 C-530\/13 \u00a0 \u00a0 ACCION DE INCONSTITUCIONALIDAD CONTRA ACTOS REFORMATORIOS DE LA CONSTITUCION-Inhibici\u00f3n \u00a0 por caducidad de la acci\u00f3n \u00a0 \u00a0 PROCEDENCIA DE ACCION DE INCONSTITUCIONALIDAD CONTRA ACTOS REFORMATORIOS DE LA \u00a0 CONSTITUCION-Jurisprudencia constitucional \u00a0 \u00a0 ACCION PUBLICA DE INCONSTITUCIONALIDAD CONTRA ACTOS LEGISLATIVOS-Caducidad \u00a0 opera inexorablemente cualquiera sea el vicio de que se trate y en consecuencia \u00a0 pierde la Corte Constitucional su competencia para pronunciarse de fondo \u00a0 \u00a0 \u00a0 \u00a0 \u00a0 \u00a0 \u00a0 Bogot\u00e1 D.C., 14 de agosto de 2013. \u00a0 \u00a0 I. ANTECEDENTES. \u00a0 ...<br \/><div class=\"pt-cv-rmwrap\"><a href=\"https:\/\/www.dmsjuridica.com\/buscador_20179478954\/corteconstitucionalcronologico202454587\/c-530-13\/\" class=\"_self pt-cv-readmore btn btn-success\" target=\"_self\">Ver Sentencia Completa...<\/a><\/div><\/div><\/div><\/div>\n<div class=\"col-md-12 col-sm-12 col-xs-12 pt-cv-content-item pt-cv-1-col\" ><div class='pt-cv-ifield'><a href=\"https:\/\/www.dmsjuridica.com\/buscador_20179478954\/corteconstitucionalcronologico202454587\/c-529-13\/\" class=\"_self pt-cv-href-thumbnail pt-cv-thumb-default\" target=\"_self\" ><\/a>\n<div class=\"pt-cv-taxoterm above_title\"><a href='https:\/\/www.dmsjuridica.com\/buscador_20179478954\/corteconstitucionalcronologico202454587\/category\/buscar-en-toda-la-corte\/2013\/sentencias-2013\/' title='Sentencias 2013' class='pt-cv-tax-sentencias-2013'>Sentencias 2013<\/a><\/div>\n<h4 class=\"pt-cv-title\"><a href=\"https:\/\/www.dmsjuridica.com\/buscador_20179478954\/corteconstitucionalcronologico202454587\/c-529-13\/\" class=\"_self\" target=\"_self\" >C-529-13<\/a><\/h4>\n<div class=\"pt-cv-content\">\u00a0 \u00a0 \u00a0 \u00a0 \u00a0 \u00a0C-529-13 \u00a0 \u00a0 \u00a0 \u00a0 \u00a0 \u00a0\u00a0 Sentencia C-529\/13 \u00a0 \u00a0 COSA JUZGADA CONSTITUCIONAL ABSOLUTA-Configuraci\u00f3n \u00a0 \u00a0 En el presente caso existe cosa juzgada constitucional \u00a0 absoluta, por cuanto el segmento normativo demandando ya hab\u00eda sudo declarado \u00a0 inexequible y en consecuencia retirado del ordenamiento jur\u00eddico, por lo que la \u00a0 Corte debe abstenerse de cualquier nueva determinaci\u00f3n y decidir \u00fanicamente \u00a0 estarse a lo resuelto en dicha oportunidad. \u00a0 \u00a0 Referencia:\u00a0expediente D-9513 \u00a0 \u00a0 Demanda de inconstitucionalidad contra parte del \u00a0 art\u00edculo 1133 del C\u00f3digo Civil. \u00a0 \u00a0 Actor: Carlos Gandhi Tarazona Rojas. \u00a0 ...<br \/><div class=\"pt-cv-rmwrap\"><a href=\"https:\/\/www.dmsjuridica.com\/buscador_20179478954\/corteconstitucionalcronologico202454587\/c-529-13\/\" class=\"_self pt-cv-readmore btn btn-success\" target=\"_self\">Ver Sentencia Completa...<\/a><\/div><\/div><\/div><\/div>\n<div class=\"col-md-12 col-sm-12 col-xs-12 pt-cv-content-item pt-cv-1-col\" ><div class='pt-cv-ifield'><a href=\"https:\/\/www.dmsjuridica.com\/buscador_20179478954\/corteconstitucionalcronologico202454587\/c-528-13\/\" class=\"_self pt-cv-href-thumbnail pt-cv-thumb-default\" target=\"_self\" ><\/a>\n<div class=\"pt-cv-taxoterm above_title\"><a href='https:\/\/www.dmsjuridica.com\/buscador_20179478954\/corteconstitucionalcronologico202454587\/category\/buscar-en-toda-la-corte\/2013\/sentencias-2013\/' title='Sentencias 2013' class='pt-cv-tax-sentencias-2013'>Sentencias 2013<\/a><\/div>\n<h4 class=\"pt-cv-title\"><a href=\"https:\/\/www.dmsjuridica.com\/buscador_20179478954\/corteconstitucionalcronologico202454587\/c-528-13\/\" class=\"_self\" target=\"_self\" >C-528-13<\/a><\/h4>\n<div class=\"pt-cv-content\">\u00a0 \u00a0 \u00a0 \u00a0 \u00a0 \u00a0C-528-13 \u00a0 \u00a0 \u00a0 \u00a0 \u00a0 \u00a0\u00a0 Sentencia C-528\/13 \u00a0 \u00a0 LEY GENERAL DE \u00a0 BOMBEROS DE COLOMBIA \u00a0 \u00a0 FONDO NACIONAL DE \u00a0 BOMBEROS-Recursos \u00a0 a trav\u00e9s de los cuales se financia \u00a0 \u00a0 INTEGRACION DE LA \u00a0 UNIDAD NORMATIVA-Condiciones \u00a0 para su procedencia\/INTEGRACION DE LA UNIDAD NORMATIVA-Improcedencia \u00a0 \u00a0 La jurisprudencia constitucional ha sostenido que s\u00f3lo en tres eventos procede \u00a0 hacer una integraci\u00f3n de la unidad normativa; sin embargo, ninguna de esas \u00a0 hip\u00f3tesis concurre en el presente caso, ya que de una parte, el precepto \u00a0 demandado tiene un contenido de\u00f3ntico ...<br \/><div class=\"pt-cv-rmwrap\"><a href=\"https:\/\/www.dmsjuridica.com\/buscador_20179478954\/corteconstitucionalcronologico202454587\/c-528-13\/\" class=\"_self pt-cv-readmore btn btn-success\" target=\"_self\">Ver Sentencia Completa...<\/a><\/div><\/div><\/div><\/div>\n<div class=\"col-md-12 col-sm-12 col-xs-12 pt-cv-content-item pt-cv-1-col\" ><div class='pt-cv-ifield'><a href=\"https:\/\/www.dmsjuridica.com\/buscador_20179478954\/corteconstitucionalcronologico202454587\/c-527-13\/\" class=\"_self pt-cv-href-thumbnail pt-cv-thumb-default\" target=\"_self\" ><\/a>\n<div class=\"pt-cv-taxoterm above_title\"><a href='https:\/\/www.dmsjuridica.com\/buscador_20179478954\/corteconstitucionalcronologico202454587\/category\/buscar-en-toda-la-corte\/2013\/sentencias-2013\/' title='Sentencias 2013' class='pt-cv-tax-sentencias-2013'>Sentencias 2013<\/a><\/div>\n<h4 class=\"pt-cv-title\"><a href=\"https:\/\/www.dmsjuridica.com\/buscador_20179478954\/corteconstitucionalcronologico202454587\/c-527-13\/\" class=\"_self\" target=\"_self\" >C-527-13<\/a><\/h4>\n<div class=\"pt-cv-content\">\u00a0 \u00a0 \u00a0 \u00a0 \u00a0 \u00a0C-527-13 \u00a0 \u00a0 \u00a0 \u00a0 \u00a0 \u00a0\u00a0 Sentencia C-527\/13 \u00a0 \u00a0 REVOCATORIA \u00a0 DE ACTOS DISPOSITIVOS DEL DEUDOR PREVIOS A INICIACION DE PROCESO DE INSOLVENCIA \u00a0 EMPRESARIAL-Exequibilidad \u00a0 \u00a0 Encuentra la Corte que no desconoce el principio de \u00a0 buena fe (art. 83 CP) la norma seg\u00fan la cual puede demandarse la revocaci\u00f3n o \u00a0 simulaci\u00f3n de los negocios celebrados por el deudor durante los 18 meses \u00a0 anteriores al inicio de un proceso de reorganizaci\u00f3n empresarial, cuando no \u00a0 aparezca demostrado que el adquirente, arrendatario o comodatario obr\u00f3 de buena \u00a0 fe. En consecuencia, ...<br \/><div class=\"pt-cv-rmwrap\"><a href=\"https:\/\/www.dmsjuridica.com\/buscador_20179478954\/corteconstitucionalcronologico202454587\/c-527-13\/\" class=\"_self pt-cv-readmore btn btn-success\" target=\"_self\">Ver Sentencia Completa...<\/a><\/div><\/div><\/div><\/div>\n<div class=\"col-md-12 col-sm-12 col-xs-12 pt-cv-content-item pt-cv-1-col\" ><div class='pt-cv-ifield'><a href=\"https:\/\/www.dmsjuridica.com\/buscador_20179478954\/corteconstitucionalcronologico202454587\/c-526-13\/\" class=\"_self pt-cv-href-thumbnail pt-cv-thumb-default\" target=\"_self\" ><\/a>\n<div class=\"pt-cv-taxoterm above_title\"><a href='https:\/\/www.dmsjuridica.com\/buscador_20179478954\/corteconstitucionalcronologico202454587\/category\/buscar-en-toda-la-corte\/2013\/sentencias-2013\/' title='Sentencias 2013' class='pt-cv-tax-sentencias-2013'>Sentencias 2013<\/a><\/div>\n<h4 class=\"pt-cv-title\"><a href=\"https:\/\/www.dmsjuridica.com\/buscador_20179478954\/corteconstitucionalcronologico202454587\/c-526-13\/\" class=\"_self\" target=\"_self\" >C-526-13<\/a><\/h4>\n<div class=\"pt-cv-content\">\u00a0 \u00a0 \u00a0 \u00a0 \u00a0 \u00a0C-526-13 \u00a0 \u00a0 \u00a0 \u00a0 \u00a0 \u00a0\u00a0 Sentencia C-526\/13 \u00a0 \u00a0 CREACION DE CONSEJO DIRECTIVO DE LA DIAN-Cosa juzgada constitucional \u00a0 \u00a0 COSA JUZGADA CONSTITUCIONAL-Definici\u00f3n\/COSA \u00a0 JUZGADA CONSTITUCIONAL-Efectos \u00a0 \u00a0 Instituci\u00f3n jur\u00eddico procesal mediante la cual se otorga a las \u00a0 decisiones plasmadas en una sentencia de constitucionalidad, el car\u00e1cter de \u00a0 inmutables, vinculantes y definitivas. La cosa juzgada constitucional proyecta \u00a0 sus efectos, al menos, en dos sentidos: En primer lugar la decisi\u00f3n queda en \u00a0 firme, es decir, que no puede ser revocada ni por la Corte ni por ninguna otra \u00a0 autoridad ...<br \/><div class=\"pt-cv-rmwrap\"><a href=\"https:\/\/www.dmsjuridica.com\/buscador_20179478954\/corteconstitucionalcronologico202454587\/c-526-13\/\" class=\"_self pt-cv-readmore btn btn-success\" target=\"_self\">Ver Sentencia Completa...<\/a><\/div><\/div><\/div><\/div>\n<div class=\"col-md-12 col-sm-12 col-xs-12 pt-cv-content-item pt-cv-1-col\" ><div class='pt-cv-ifield'><a href=\"https:\/\/www.dmsjuridica.com\/buscador_20179478954\/corteconstitucionalcronologico202454587\/c-525-13\/\" class=\"_self pt-cv-href-thumbnail pt-cv-thumb-default\" target=\"_self\" ><\/a>\n<div class=\"pt-cv-taxoterm above_title\"><a href='https:\/\/www.dmsjuridica.com\/buscador_20179478954\/corteconstitucionalcronologico202454587\/category\/buscar-en-toda-la-corte\/2013\/sentencias-2013\/' title='Sentencias 2013' class='pt-cv-tax-sentencias-2013'>Sentencias 2013<\/a><\/div>\n<h4 class=\"pt-cv-title\"><a href=\"https:\/\/www.dmsjuridica.com\/buscador_20179478954\/corteconstitucionalcronologico202454587\/c-525-13\/\" class=\"_self\" target=\"_self\" >C-525-13<\/a><\/h4>\n<div class=\"pt-cv-content\">\u00a0 \u00a0 \u00a0 \u00a0 \u00a0 \u00a0C-525-13 \u00a0 \u00a0 \u00a0 \u00a0 \u00a0 \u00a0\u00a0 Sentencia C-525\/13 \u00a0 \u00a0\u00a0 PENSION DE LOS \u00a0 DEPORTISTAS DESTACADOS DE ESCASOS RECURSOS-Inhibici\u00f3n \u00a0 para decidir de fondo \u00a0 \u00a0 En vista de \u00a0 que (i) el art\u00edculo 148 de la ley 100 \u2013al que pertenecen las expresiones \u00a0 demandadas- fue derogado por la ley 181 o, en su defecto, por la ley 797, y (ii) \u00a0 la pensi\u00f3n a la que alud\u00eda nunca fue reglamentada y, por ende, nunca se \u00a0 introdujo en el ordenamiento, la Sala concluye que no existe materia sobre la \u00a0 cual pronunciarse ...<br \/><div class=\"pt-cv-rmwrap\"><a href=\"https:\/\/www.dmsjuridica.com\/buscador_20179478954\/corteconstitucionalcronologico202454587\/c-525-13\/\" class=\"_self pt-cv-readmore btn btn-success\" target=\"_self\">Ver Sentencia Completa...<\/a><\/div><\/div><\/div><\/div>\n<div class=\"col-md-12 col-sm-12 col-xs-12 pt-cv-content-item pt-cv-1-col\" ><div class='pt-cv-ifield'><a href=\"https:\/\/www.dmsjuridica.com\/buscador_20179478954\/corteconstitucionalcronologico202454587\/c-524-13\/\" class=\"_self pt-cv-href-thumbnail pt-cv-thumb-default\" target=\"_self\" ><\/a>\n<div class=\"pt-cv-taxoterm above_title\"><a href='https:\/\/www.dmsjuridica.com\/buscador_20179478954\/corteconstitucionalcronologico202454587\/category\/buscar-en-toda-la-corte\/2013\/sentencias-2013\/' title='Sentencias 2013' class='pt-cv-tax-sentencias-2013'>Sentencias 2013<\/a><\/div>\n<h4 class=\"pt-cv-title\"><a href=\"https:\/\/www.dmsjuridica.com\/buscador_20179478954\/corteconstitucionalcronologico202454587\/c-524-13\/\" class=\"_self\" target=\"_self\" >C-524-13<\/a><\/h4>\n<div class=\"pt-cv-content\">\u00a0 \u00a0 \u00a0 \u00a0 \u00a0 \u00a0C-524-13 \u00a0 \u00a0 \u00a0 \u00a0 \u00a0 \u00a0\u00a0 Sentencia C-524\/13 \u00a0 \u00a0\u00a0 DECRETO 1351 \u00a0 DE 2012 QUE CONVOCA A SESIONES EXTRAORDINARIAS AL CONGRESO, REFORMA \u00a0 ADMINISTRACION DE JUSTICIA-Inhibici\u00f3n para decidir de fondo por falta de \u00a0 competencia \u00a0 \u00a0 La Sala considera necesario \u00a0 reiterar la argumentaci\u00f3n de la sentencia C-474 de 2013 e inhibirse de emitir un \u00a0 pronunciamiento de fondo frente a la demanda formulada por el ciudadano Jaime \u00a0 Araujo Renter\u00eda. Ciertamente el proyecto de acto legislativo 07\/11 Senado \u2013 \u00a0 143\/11 C\u00e1mara, una vez fue aprobado por el Congreso, se remiti\u00f3 ...<br \/><div class=\"pt-cv-rmwrap\"><a href=\"https:\/\/www.dmsjuridica.com\/buscador_20179478954\/corteconstitucionalcronologico202454587\/c-524-13\/\" class=\"_self pt-cv-readmore btn btn-success\" target=\"_self\">Ver Sentencia Completa...<\/a><\/div><\/div><\/div><\/div>\n<div class=\"col-md-12 col-sm-12 col-xs-12 pt-cv-content-item pt-cv-1-col\" ><div class='pt-cv-ifield'><a href=\"https:\/\/www.dmsjuridica.com\/buscador_20179478954\/corteconstitucionalcronologico202454587\/c-514-13\/\" class=\"_self pt-cv-href-thumbnail pt-cv-thumb-default\" target=\"_self\" ><\/a>\n<div class=\"pt-cv-taxoterm above_title\"><a href='https:\/\/www.dmsjuridica.com\/buscador_20179478954\/corteconstitucionalcronologico202454587\/category\/buscar-en-toda-la-corte\/2013\/sentencias-2013\/' title='Sentencias 2013' class='pt-cv-tax-sentencias-2013'>Sentencias 2013<\/a><\/div>\n<h4 class=\"pt-cv-title\"><a href=\"https:\/\/www.dmsjuridica.com\/buscador_20179478954\/corteconstitucionalcronologico202454587\/c-514-13\/\" class=\"_self\" target=\"_self\" >C-514-13<\/a><\/h4>\n<div class=\"pt-cv-content\">\u00a0 \u00a0 \u00a0 \u00a0 \u00a0 \u00a0C-514-13 \u00a0 \u00a0 \u00a0 \u00a0 \u00a0 \u00a0\u00a0 Sentencia C-514\/13 \u00a0 \u00a0 CALIDAD DE NO CONTRIBUYENTE EN REGIMEN DE PROPIEDAD \u00a0 HORIZONTAL-Inhibici\u00f3n para decidir de \u00a0 fondo \u00a0 \u00a0 COSA JUZGADA CONSTITUCIONAL-Configuraci\u00f3n \u00a0 \u00a0 DEMANDA DE \u00a0 INCONSTITUCIONALIDAD-Inhibici\u00f3n para pronunciarse sobre expresi\u00f3n \u201cen relaci\u00f3n \u00a0 con las actividades de su objeto social\u201d contenida en Art\u00edculo 33 de Ley 675 de \u00a0 2001 \u00a0 \u00a0 Referencia: expedientes \u00a0 D-9489\u00a0\u00a0\u00a0\u00a0 \u00a0 \u00a0 Demanda de inconstitucionalidad contra el Art\u00edculo 33 \u00a0 de la Ley 675 de 2001 \u00a0 \u00a0 Actor: Jaime C\u00f3rdoba Trivi\u00f1o \u00a0 \u00a0 LUIS GUILLERMO GUERRERO P\u00c9REZ ...<br \/><div class=\"pt-cv-rmwrap\"><a href=\"https:\/\/www.dmsjuridica.com\/buscador_20179478954\/corteconstitucionalcronologico202454587\/c-514-13\/\" class=\"_self pt-cv-readmore btn btn-success\" target=\"_self\">Ver Sentencia Completa...<\/a><\/div><\/div><\/div><\/div>\n<div class=\"col-md-12 col-sm-12 col-xs-12 pt-cv-content-item pt-cv-1-col\" ><div class='pt-cv-ifield'><a href=\"https:\/\/www.dmsjuridica.com\/buscador_20179478954\/corteconstitucionalcronologico202454587\/c-513-13\/\" class=\"_self pt-cv-href-thumbnail pt-cv-thumb-default\" target=\"_self\" ><\/a>\n<div class=\"pt-cv-taxoterm above_title\"><a href='https:\/\/www.dmsjuridica.com\/buscador_20179478954\/corteconstitucionalcronologico202454587\/category\/buscar-en-toda-la-corte\/2013\/sentencias-2013\/' title='Sentencias 2013' class='pt-cv-tax-sentencias-2013'>Sentencias 2013<\/a><\/div>\n<h4 class=\"pt-cv-title\"><a href=\"https:\/\/www.dmsjuridica.com\/buscador_20179478954\/corteconstitucionalcronologico202454587\/c-513-13\/\" class=\"_self\" target=\"_self\" >C-513-13<\/a><\/h4>\n<div class=\"pt-cv-content\">\u00a0 \u00a0 \u00a0 \u00a0 \u00a0 \u00a0C-513-13 \u00a0 \u00a0 \u00a0 \u00a0 \u00a0 \u00a0\u00a0 Sentencia C-513\/13 \u00a0 \u00a0 CONDICION PARA SER BENEFICIARIO DE ASIGNACION \u00a0 TESTAMENTARIA, EL PERMANECER EN ESTADO DE VIUDEZ, CUANDO SE TENGAN HIJOS DE \u00a0 MATRIMONIO ANTERIOR-Desconoce el derecho de autonom\u00eda personal\/DEMANDA \u00a0 DE INCONSTITUCIONALIDAD-Inexequibilidad de la expresi\u00f3n \u201ca menos que \u00a0 el asignatario tenga uno o m\u00e1s hijos del anterior matrimonio, al tiempo de \u00a0 defer\u00edrsele la asignaci\u00f3n\u201d contenida en el art\u00edculo 1133 del C\u00f3digo Civil \u00a0 \u00a0 La Sala considera que, en esta oportunidad, la facultad \u00a0 otorgada por el legislador al causante de estipular en el ...<br \/><div class=\"pt-cv-rmwrap\"><a href=\"https:\/\/www.dmsjuridica.com\/buscador_20179478954\/corteconstitucionalcronologico202454587\/c-513-13\/\" class=\"_self pt-cv-readmore btn btn-success\" target=\"_self\">Ver Sentencia Completa...<\/a><\/div><\/div><\/div><\/div>\n<div class=\"col-md-12 col-sm-12 col-xs-12 pt-cv-content-item pt-cv-1-col\" ><div class='pt-cv-ifield'><a href=\"https:\/\/www.dmsjuridica.com\/buscador_20179478954\/corteconstitucionalcronologico202454587\/c-511-13\/\" class=\"_self pt-cv-href-thumbnail pt-cv-thumb-default\" target=\"_self\" ><\/a>\n<div class=\"pt-cv-taxoterm above_title\"><a href='https:\/\/www.dmsjuridica.com\/buscador_20179478954\/corteconstitucionalcronologico202454587\/category\/buscar-en-toda-la-corte\/2013\/sentencias-2013\/' title='Sentencias 2013' class='pt-cv-tax-sentencias-2013'>Sentencias 2013<\/a><\/div>\n<h4 class=\"pt-cv-title\"><a href=\"https:\/\/www.dmsjuridica.com\/buscador_20179478954\/corteconstitucionalcronologico202454587\/c-511-13\/\" class=\"_self\" target=\"_self\" >C-511-13<\/a><\/h4>\n<div class=\"pt-cv-content\">\u00a0 \u00a0 \u00a0 \u00a0 \u00a0 \u00a0C-511-13 \u00a0 \u00a0 \u00a0 \u00a0 \u00a0 \u00a0\u00a0 Sentencia C-511\/13 \u00a0 \u00a0 REGLAMENTOS DE POLICIA QUE EXCEPCIONALMENTE RESTRINGEN \u00a0 CIRCULACION DE VEHICULOS Y PEATONES PARA GARANTIZAR LA SEGURIDAD Y SALUBRIDAD \u00a0 PUBLICAS-No constituyen reserva de ley \u00a0 estatutaria y obedecen a finalidades constitucionalmente leg\u00edtimas \u00a0 \u00a0 FACULTADES EXTRAORDINARIAS AL PRESIDENTE DE LA \u00a0 REPUBLICA-Regulaci\u00f3n de ciertos derechos y libertades p\u00fablicas, \u00a0 entre ellas la libertad de locomoci\u00f3n, sin desconocer el principio de reserva \u00a0 general de ley en materia de limitaci\u00f3n de derechos fundamentales \u00a0 \u00a0 DEMANDA DE INCONSTITUCIONALIDAD-Concepto de \u00a0 violaci\u00f3n \u00a0 \u00a0 DEMANDA DE ...<br \/><div class=\"pt-cv-rmwrap\"><a href=\"https:\/\/www.dmsjuridica.com\/buscador_20179478954\/corteconstitucionalcronologico202454587\/c-511-13\/\" class=\"_self pt-cv-readmore btn btn-success\" target=\"_self\">Ver Sentencia Completa...<\/a><\/div><\/div><\/div><\/div>\n<div class=\"col-md-12 col-sm-12 col-xs-12 pt-cv-content-item pt-cv-1-col\" ><div class='pt-cv-ifield'><a href=\"https:\/\/www.dmsjuridica.com\/buscador_20179478954\/corteconstitucionalcronologico202454587\/c-474-13\/\" class=\"_self pt-cv-href-thumbnail pt-cv-thumb-default\" target=\"_self\" ><\/a>\n<div class=\"pt-cv-taxoterm above_title\"><a href='https:\/\/www.dmsjuridica.com\/buscador_20179478954\/corteconstitucionalcronologico202454587\/category\/buscar-en-toda-la-corte\/2013\/sentencias-2013\/' title='Sentencias 2013' class='pt-cv-tax-sentencias-2013'>Sentencias 2013<\/a><\/div>\n<h4 class=\"pt-cv-title\"><a href=\"https:\/\/www.dmsjuridica.com\/buscador_20179478954\/corteconstitucionalcronologico202454587\/c-474-13\/\" class=\"_self\" target=\"_self\" >C-474-13<\/a><\/h4>\n<div class=\"pt-cv-content\">\u00a0 \u00a0 \u00a0 \u00a0 \u00a0 \u00a0C-474-13 \u00a0 \u00a0 \u00a0 \u00a0 \u00a0 \u00a0\u00a0 Sentencia C-474\/13 \u00a0 \u00a0 DEMANDA DE INCONSTITUCIONALIDAD CONTRA PROYECTO DE ACTO \u00a0 LEGISLATIVO SOBRE REFORMA A LA JUSTICIA-Inhibici\u00f3n \u00a0por haberse archivado por el Congreso de la Rep\u00fablica \u00a0 \u00a0 DEMANDA DE INCONSTITUCIONALIDAD-Admisi\u00f3n no implica per se la adopci\u00f3n de una \u00a0 decisi\u00f3n de fondo\/CORTE CONSTITUCIONAL-Momentos en los cuales se eval\u00faa \u00a0 si es competente o no para pronunciarse en relaci\u00f3n con una demanda de \u00a0 inconstitucionalidad \u00a0 \u00a0 Esta Corte considera que el hecho de haber admitido y dado tr\u00e1mite a las \u00a0 demandas de la referencia no ...<br \/><div class=\"pt-cv-rmwrap\"><a href=\"https:\/\/www.dmsjuridica.com\/buscador_20179478954\/corteconstitucionalcronologico202454587\/c-474-13\/\" class=\"_self pt-cv-readmore btn btn-success\" target=\"_self\">Ver Sentencia Completa...<\/a><\/div><\/div><\/div><\/div>\n<div class=\"col-md-12 col-sm-12 col-xs-12 pt-cv-content-item pt-cv-1-col\" ><div class='pt-cv-ifield'><a href=\"https:\/\/www.dmsjuridica.com\/buscador_20179478954\/corteconstitucionalcronologico202454587\/c-473-13\/\" class=\"_self pt-cv-href-thumbnail pt-cv-thumb-default\" target=\"_self\" ><\/a>\n<div class=\"pt-cv-taxoterm above_title\"><a href='https:\/\/www.dmsjuridica.com\/buscador_20179478954\/corteconstitucionalcronologico202454587\/category\/buscar-en-toda-la-corte\/2013\/sentencias-2013\/' title='Sentencias 2013' class='pt-cv-tax-sentencias-2013'>Sentencias 2013<\/a><\/div>\n<h4 class=\"pt-cv-title\"><a href=\"https:\/\/www.dmsjuridica.com\/buscador_20179478954\/corteconstitucionalcronologico202454587\/c-473-13\/\" class=\"_self\" target=\"_self\" >C-473-13<\/a><\/h4>\n<div class=\"pt-cv-content\">\u00a0 \u00a0 \u00a0 \u00a0 \u00a0 \u00a0C-473-13 \u00a0 \u00a0 \u00a0 \u00a0 \u00a0 \u00a0\u00a0 Sentencia C-473\/13 \u00a0 \u00a0 CREACION DE CONSEJO DIRECTIVO DE LA DIAN-Inexequibilidad \u00a0 \u00a0 El Decreto 4171 de 2011, mediante el \u00a0 cual se cre\u00f3 el Consejo Directivo de la DIAN como \u00f3rgano colegiado del nivel \u00a0 directivo de la entidad, y dictado con fundamento en las facultades \u00a0 extraordinarias establecidas en la Ley 1444 de 2011, es contrario a la Carta \u00a0 Pol\u00edtica, por las siguientes razones: Primero, porque la Ley 1444 de 2011 \u00a0 \u00fanicamente facult\u00f3 al gobierno para reestructurar las entidades receptoras de \u00a0 funciones asignadas ...<br \/><div class=\"pt-cv-rmwrap\"><a href=\"https:\/\/www.dmsjuridica.com\/buscador_20179478954\/corteconstitucionalcronologico202454587\/c-473-13\/\" class=\"_self pt-cv-readmore btn btn-success\" target=\"_self\">Ver Sentencia Completa...<\/a><\/div><\/div><\/div><\/div>\n<div class=\"col-md-12 col-sm-12 col-xs-12 pt-cv-content-item pt-cv-1-col\" ><div class='pt-cv-ifield'><a href=\"https:\/\/www.dmsjuridica.com\/buscador_20179478954\/corteconstitucionalcronologico202454587\/c-472-13\/\" class=\"_self pt-cv-href-thumbnail pt-cv-thumb-default\" target=\"_self\" ><\/a>\n<div class=\"pt-cv-taxoterm above_title\"><a href='https:\/\/www.dmsjuridica.com\/buscador_20179478954\/corteconstitucionalcronologico202454587\/category\/buscar-en-toda-la-corte\/2013\/sentencias-2013\/' title='Sentencias 2013' class='pt-cv-tax-sentencias-2013'>Sentencias 2013<\/a><\/div>\n<h4 class=\"pt-cv-title\"><a href=\"https:\/\/www.dmsjuridica.com\/buscador_20179478954\/corteconstitucionalcronologico202454587\/c-472-13\/\" class=\"_self\" target=\"_self\" >C-472-13<\/a><\/h4>\n<div class=\"pt-cv-content\">\u00a0 \u00a0 \u00a0 \u00a0 \u00a0 \u00a0C-472-13 \u00a0 \u00a0 \u00a0 \u00a0 \u00a0 \u00a0\u00a0 Sentencia C-472\/13 \u00a0 \u00a0 (Bogot\u00e1, \u00a0 D.C.,\u00a0 23 de julio de 2013) \u00a0 \u00a0 REGLAS ESPECIALES DE PROTECCION PENAL \u00a0 RELATIVAS A CAUSALES DE AGRAVACION DE DETERMINADOS DELITOS O A LA EXTENSION DEL \u00a0 TERMINO DE PRESCRIPCION DE LA ACCION PENAL-Indeterminaci\u00f3n de la expresi\u00f3n \u201clegalmente \u00a0 reconocida\u201d en norma demandada, \u00a0 vulnera el principio de taxatividad en materia penal y pone en riesgo el derecho \u00a0 de asociaci\u00f3n sindical \u00a0 \u00a0 La \u00a0 afectaci\u00f3n del derecho de asociaci\u00f3n sindical y del derecho a la igualdad podr\u00eda \u00a0 ocurrir ...<br \/><div class=\"pt-cv-rmwrap\"><a href=\"https:\/\/www.dmsjuridica.com\/buscador_20179478954\/corteconstitucionalcronologico202454587\/c-472-13\/\" class=\"_self pt-cv-readmore btn btn-success\" target=\"_self\">Ver Sentencia Completa...<\/a><\/div><\/div><\/div><\/div>\n<div class=\"col-md-12 col-sm-12 col-xs-12 pt-cv-content-item pt-cv-1-col\" ><div class='pt-cv-ifield'><a href=\"https:\/\/www.dmsjuridica.com\/buscador_20179478954\/corteconstitucionalcronologico202454587\/c-471-13\/\" class=\"_self pt-cv-href-thumbnail pt-cv-thumb-default\" target=\"_self\" ><\/a>\n<div class=\"pt-cv-taxoterm above_title\"><a href='https:\/\/www.dmsjuridica.com\/buscador_20179478954\/corteconstitucionalcronologico202454587\/category\/buscar-en-toda-la-corte\/2013\/sentencias-2013\/' title='Sentencias 2013' class='pt-cv-tax-sentencias-2013'>Sentencias 2013<\/a><\/div>\n<h4 class=\"pt-cv-title\"><a href=\"https:\/\/www.dmsjuridica.com\/buscador_20179478954\/corteconstitucionalcronologico202454587\/c-471-13\/\" class=\"_self\" target=\"_self\" >C-471-13<\/a><\/h4>\n<div class=\"pt-cv-content\">\u00a0 \u00a0 \u00a0 \u00a0 \u00a0 \u00a0C-471-13 \u00a0 \u00a0 \u00a0 \u00a0 \u00a0 \u00a0\u00a0 Sentencia C-471\/13 \u00a0 \u00a0 ADMINISTRACION Y VIGILANCIA DE \u00a0 CARRERA ADMINISTRATIVA EN SUPERINTENDENCIAS-Competencia constitucional de la \u00a0 Comisi\u00f3n Nacional del Servicio Civil \u00a0 \u00a0 En conclusi\u00f3n, (i) el \u00a0 legislador viola la competencia asignada en la Constituci\u00f3n Pol\u00edtica a la \u00a0 Comisi\u00f3n Nacional del Servicio Civil (arts. 125 y 130, CP) al establecer que \u00a0 cada Superintendencia administrar\u00e1 el sistema espec\u00edfico de carrera de su \u00a0 entidad, y no la Comisi\u00f3n Nacional del Servicio Civil. Esta violaci\u00f3n es \u00a0 especialmente grave si la decisi\u00f3n no fue adoptada por ...<br \/><div class=\"pt-cv-rmwrap\"><a href=\"https:\/\/www.dmsjuridica.com\/buscador_20179478954\/corteconstitucionalcronologico202454587\/c-471-13\/\" class=\"_self pt-cv-readmore btn btn-success\" target=\"_self\">Ver Sentencia Completa...<\/a><\/div><\/div><\/div><\/div>\n<div class=\"col-md-12 col-sm-12 col-xs-12 pt-cv-content-item pt-cv-1-col\" ><div class='pt-cv-ifield'><a href=\"https:\/\/www.dmsjuridica.com\/buscador_20179478954\/corteconstitucionalcronologico202454587\/c-470-13\/\" class=\"_self pt-cv-href-thumbnail pt-cv-thumb-default\" target=\"_self\" ><\/a>\n<div class=\"pt-cv-taxoterm above_title\"><a href='https:\/\/www.dmsjuridica.com\/buscador_20179478954\/corteconstitucionalcronologico202454587\/category\/buscar-en-toda-la-corte\/2013\/sentencias-2013\/' title='Sentencias 2013' class='pt-cv-tax-sentencias-2013'>Sentencias 2013<\/a><\/div>\n<h4 class=\"pt-cv-title\"><a href=\"https:\/\/www.dmsjuridica.com\/buscador_20179478954\/corteconstitucionalcronologico202454587\/c-470-13\/\" class=\"_self\" target=\"_self\" >C-470-13<\/a><\/h4>\n<div class=\"pt-cv-content\">\u00a0 \u00a0 \u00a0 \u00a0 \u00a0 \u00a0C-470-13 \u00a0 \u00a0 \u00a0 \u00a0 \u00a0 \u00a0\u00a0 Sentencia C-470\/13 \u00a0 \u00a0\u00a0 REFORMA AL REGIMEN DE REGALIAS REGULADO EN LOS ARTICULOS 360 Y 361 DE LA \u00a0 CONSTITUCION POLITICA-Cosa \u00a0 juzgada constitucional\/REFORMA AL REGIMEN DE REGALIAS REGULADO EN LOS \u00a0 ARTICULOS 360 Y 361 DE LA CONSTITUCION POLITICA-Inhibici\u00f3n para proferir \u00a0 fallo de fondo en relaci\u00f3n con el Acto Legislativo 5 de 2011 por los dem\u00e1s \u00a0 cargos \u00a0 \u00a0 DEMANDA DE INCONSTITUCIONALIDAD-Caducidad \u00a0 \u00a0 COMPETENCIA DE LA CORTE CONSTITUCIONAL-Actos reformatorios de la Constituci\u00f3n \u00a0 \u00a0 JUICIO \u00a0 DE SUSTITUCION-Metodolog\u00eda \u00a0 \u00a0 DEMANDA DE INCONSTITUCIONALIDAD-Razones claras, ...<br \/><div class=\"pt-cv-rmwrap\"><a href=\"https:\/\/www.dmsjuridica.com\/buscador_20179478954\/corteconstitucionalcronologico202454587\/c-470-13\/\" class=\"_self pt-cv-readmore btn btn-success\" target=\"_self\">Ver Sentencia Completa...<\/a><\/div><\/div><\/div><\/div>\n<div class=\"col-md-12 col-sm-12 col-xs-12 pt-cv-content-item pt-cv-1-col\" ><div class='pt-cv-ifield'><a href=\"https:\/\/www.dmsjuridica.com\/buscador_20179478954\/corteconstitucionalcronologico202454587\/c-462-13\/\" class=\"_self pt-cv-href-thumbnail pt-cv-thumb-default\" target=\"_self\" ><\/a>\n<div class=\"pt-cv-taxoterm above_title\"><a href='https:\/\/www.dmsjuridica.com\/buscador_20179478954\/corteconstitucionalcronologico202454587\/category\/buscar-en-toda-la-corte\/2013\/sentencias-2013\/' title='Sentencias 2013' class='pt-cv-tax-sentencias-2013'>Sentencias 2013<\/a><\/div>\n<h4 class=\"pt-cv-title\"><a href=\"https:\/\/www.dmsjuridica.com\/buscador_20179478954\/corteconstitucionalcronologico202454587\/c-462-13\/\" class=\"_self\" target=\"_self\" >C-462-13<\/a><\/h4>\n<div class=\"pt-cv-content\">\u00a0 \u00a0 \u00a0 \u00a0 \u00a0 \u00a0C-462-13 \u00a0 \u00a0 \u00a0 \u00a0 \u00a0 \u00a0\u00a0 Sentencia C-462\/13 \u00a0 \u00a0 (Bogot\u00e1 DC, julio 17) \u00a0 \u00a0 COSA JUZGADA \u00a0 CONSTITUCIONAL EN LEY DE VICTIMAS DEL CONFLICTO ARMADO-Configuraci\u00f3n en \u00a0 relaci\u00f3n con contenidos normativos y expresiones que ya hab\u00edan sido objeto de \u00a0 control \u00a0 \u00a0 La Corte ha advertido que para la determinaci\u00f3n de la existencia de cosa juzgada \u00a0 constitucional debe llevarse a cabo un examen doble cuando la decisi\u00f3n ha \u00a0 declarado la constitucionalidad de la norma objeto de control. En primer lugar, \u00a0 (1) debe establecerse si la norma demandada es ...<br \/><div class=\"pt-cv-rmwrap\"><a href=\"https:\/\/www.dmsjuridica.com\/buscador_20179478954\/corteconstitucionalcronologico202454587\/c-462-13\/\" class=\"_self pt-cv-readmore btn btn-success\" target=\"_self\">Ver Sentencia Completa...<\/a><\/div><\/div><\/div><\/div>\n<div class=\"col-md-12 col-sm-12 col-xs-12 pt-cv-content-item pt-cv-1-col\" ><div class='pt-cv-ifield'><a href=\"https:\/\/www.dmsjuridica.com\/buscador_20179478954\/corteconstitucionalcronologico202454587\/c-461-13\/\" class=\"_self pt-cv-href-thumbnail pt-cv-thumb-default\" target=\"_self\" ><\/a>\n<div class=\"pt-cv-taxoterm above_title\"><a href='https:\/\/www.dmsjuridica.com\/buscador_20179478954\/corteconstitucionalcronologico202454587\/category\/buscar-en-toda-la-corte\/2013\/sentencias-2013\/' title='Sentencias 2013' class='pt-cv-tax-sentencias-2013'>Sentencias 2013<\/a><\/div>\n<h4 class=\"pt-cv-title\"><a href=\"https:\/\/www.dmsjuridica.com\/buscador_20179478954\/corteconstitucionalcronologico202454587\/c-461-13\/\" class=\"_self\" target=\"_self\" >C-461-13<\/a><\/h4>\n<div class=\"pt-cv-content\">\u00a0 \u00a0 \u00a0 \u00a0 \u00a0 \u00a0C-461-13 \u00a0 \u00a0 \u00a0 \u00a0 \u00a0 \u00a0\u00a0 Sentencia C-461\/13 \u00a0 \u00a0 FUERZA OBLIGATORIA DE SENTENCIAS JUDICIALES EN CODIGO CIVIL-Exequibilidad condicionada \u00a0 \u00a0 La \u00a0 Corte declara que la norma es exequible bajo el entendido de que no impide la \u00a0 existencia de efectos erga omnes y extensivos en las sentencias que deciden \u00a0 sobre las acciones constitucionales que conforme al texto superior deban tener \u00a0 ese car\u00e1cter, entre ellas las relativas a la observancia de los precedentes de \u00a0 los \u00f3rganos de cierre (Corte Constitucional, Corte Suprema de Justicia y Consejo \u00a0 de Estado en ...<br \/><div class=\"pt-cv-rmwrap\"><a href=\"https:\/\/www.dmsjuridica.com\/buscador_20179478954\/corteconstitucionalcronologico202454587\/c-461-13\/\" class=\"_self pt-cv-readmore btn btn-success\" target=\"_self\">Ver Sentencia Completa...<\/a><\/div><\/div><\/div><\/div>\n<div class=\"col-md-12 col-sm-12 col-xs-12 pt-cv-content-item pt-cv-1-col\" ><div class='pt-cv-ifield'><a href=\"https:\/\/www.dmsjuridica.com\/buscador_20179478954\/corteconstitucionalcronologico202454587\/c-460-13\/\" class=\"_self pt-cv-href-thumbnail pt-cv-thumb-default\" target=\"_self\" ><\/a>\n<div class=\"pt-cv-taxoterm above_title\"><a href='https:\/\/www.dmsjuridica.com\/buscador_20179478954\/corteconstitucionalcronologico202454587\/category\/buscar-en-toda-la-corte\/2013\/sentencias-2013\/' title='Sentencias 2013' class='pt-cv-tax-sentencias-2013'>Sentencias 2013<\/a><\/div>\n<h4 class=\"pt-cv-title\"><a href=\"https:\/\/www.dmsjuridica.com\/buscador_20179478954\/corteconstitucionalcronologico202454587\/c-460-13\/\" class=\"_self\" target=\"_self\" >C-460-13<\/a><\/h4>\n<div class=\"pt-cv-content\">\u00a0 \u00a0 \u00a0 \u00a0 \u00a0 \u00a0C-460-13 \u00a0 \u00a0 \u00a0 \u00a0 \u00a0 \u00a0\u00a0 \u00a0\u00a0\u00a0 \u00a0 Sentencia C-460\/13 \u00a0 \u00a0 CERTIFICADO DE APTITUD PSICOFISICA PARA PORTE Y TENENCIA DE ARMAS DE \u00a0 FUEGO DE PERSONAS VINCULADAS A SERVICIOS DE VIGILANCIA Y SEGURIDAD PRIVADA-Gratuidad del trabajador \u00a0 \u00a0 CERTIFICADO DE APTITUD PSICOFISICA PARA PORTE Y TENENCIA DE ARMAS DE \u00a0 FUEGO DE PERSONAS VINCULADAS A SERVICIOS DE VIGILANCIA Y SEGURIDAD PRIVADA-Expedici\u00f3n por la ARL del \u00a0 afiliado, configura una prestaci\u00f3n que coincide con los principios y fines del \u00a0 sistema de riesgos profesionales \u00a0 \u00a0 Para la Corte \u00a0 Constitucional es claro que ...<br \/><div class=\"pt-cv-rmwrap\"><a href=\"https:\/\/www.dmsjuridica.com\/buscador_20179478954\/corteconstitucionalcronologico202454587\/c-460-13\/\" class=\"_self pt-cv-readmore btn btn-success\" target=\"_self\">Ver Sentencia Completa...<\/a><\/div><\/div><\/div><\/div>\n<div class=\"col-md-12 col-sm-12 col-xs-12 pt-cv-content-item pt-cv-1-col\" ><div class='pt-cv-ifield'><a href=\"https:\/\/www.dmsjuridica.com\/buscador_20179478954\/corteconstitucionalcronologico202454587\/c-459-13\/\" class=\"_self pt-cv-href-thumbnail pt-cv-thumb-default\" target=\"_self\" ><\/a>\n<div class=\"pt-cv-taxoterm above_title\"><a href='https:\/\/www.dmsjuridica.com\/buscador_20179478954\/corteconstitucionalcronologico202454587\/category\/buscar-en-toda-la-corte\/2013\/sentencias-2013\/' title='Sentencias 2013' class='pt-cv-tax-sentencias-2013'>Sentencias 2013<\/a><\/div>\n<h4 class=\"pt-cv-title\"><a href=\"https:\/\/www.dmsjuridica.com\/buscador_20179478954\/corteconstitucionalcronologico202454587\/c-459-13\/\" class=\"_self\" target=\"_self\" >C-459-13<\/a><\/h4>\n<div class=\"pt-cv-content\">\u00a0 \u00a0 \u00a0 \u00a0 \u00a0 \u00a0C-459-13 \u00a0 \u00a0 \u00a0 \u00a0 \u00a0 \u00a0\u00a0 Sentencia C-459\/13 \u00a0 \u00a0 IMPUESTO DE INDUSTRIA Y COMERCIO PARA ENTIDADES FINANCIERAS-Car\u00e1cter \u00a0 determinable del rubro \u2018ingresos varios\u2019 como componente de la base \u00a0 gravable\/IMPUESTO DE INDUSTRIA Y COMERCIO PARA ENTIDADES FINANCIERAS-Base \u00a0 gravable constituida por ingresos operacionales \u00a0 \u00a0 IMPUESTO DE INDUSTRIA Y COMERCIO DEL SECTOR FINANCIERO-Consecuencias en \u00a0 la determinaci\u00f3n de la base gravable \u00a0 \u00a0 TRIBUTO TERRITORIAL-Jurisprudencia constitucional \u00a0 \u00a0 INGRESOS VARIOS COMO PARTE DE BASE GRAVABLE DE IMPUESTO DE \u00a0 INDUSTRIA Y COMERCIO PARA ENTIDADES FINANCIERAS-No \u00a0 se vulnera principio de certeza tributaria\u00a0 \u00a0 ...<br \/><div class=\"pt-cv-rmwrap\"><a href=\"https:\/\/www.dmsjuridica.com\/buscador_20179478954\/corteconstitucionalcronologico202454587\/c-459-13\/\" class=\"_self pt-cv-readmore btn btn-success\" target=\"_self\">Ver Sentencia Completa...<\/a><\/div><\/div><\/div><\/div>\n<div class=\"col-md-12 col-sm-12 col-xs-12 pt-cv-content-item pt-cv-1-col\" ><div class='pt-cv-ifield'><a href=\"https:\/\/www.dmsjuridica.com\/buscador_20179478954\/corteconstitucionalcronologico202454587\/c-438-13\/\" class=\"_self pt-cv-href-thumbnail pt-cv-thumb-default\" target=\"_self\" ><\/a>\n<div class=\"pt-cv-taxoterm above_title\"><a href='https:\/\/www.dmsjuridica.com\/buscador_20179478954\/corteconstitucionalcronologico202454587\/category\/buscar-en-toda-la-corte\/2013\/sentencias-2013\/' title='Sentencias 2013' class='pt-cv-tax-sentencias-2013'>Sentencias 2013<\/a><\/div>\n<h4 class=\"pt-cv-title\"><a href=\"https:\/\/www.dmsjuridica.com\/buscador_20179478954\/corteconstitucionalcronologico202454587\/c-438-13\/\" class=\"_self\" target=\"_self\" >C-438-13<\/a><\/h4>\n<div class=\"pt-cv-content\">\u00a0 \u00a0 \u00a0 \u00a0 \u00a0 \u00a0C-438-13 \u00a0 \u00a0 \u00a0 \u00a0 \u00a0 \u00a0\u00a0 LEY DE ATENCION, ASISTENCIA Y REPARACION INTEGRAL DE \u00a0 VICTIMAS DEL CONFLICTO ARMADO-Implicaciones del \u00a0 principio de progresividad \u00a0 \u00a0 LEY DE ATENCION, ASISTENCIA Y REPARACION INTEGRAL DE \u00a0 VICTIMAS DEL CONFLICTO ARMADO-Audici\u00f3n y \u00a0 presentaci\u00f3n de pruebas \u00a0 \u00a0 LEY DE ATENCION, ASISTENCIA Y REPARACION INTEGRAL DE \u00a0 VICTIMAS DEL CONFLICTO ARMADO-Ayuda humanitaria\/ASISTENCIA \u00a0 HUMANITARIA A LAS VICTIMAS-R\u00e9gimen jur\u00eddico\/ASISTENCIA HUMANITARIA-Concepto\/ASISTENCIA \u00a0 HUMANITARIA-Principios \u00a0 \u00a0 La asistencia humanitaria ha sido entendida como el conjunto de \u00a0 actividades a cargo del Estado dirigidas a proporcionar socorro a las personas ...<br \/><div class=\"pt-cv-rmwrap\"><a href=\"https:\/\/www.dmsjuridica.com\/buscador_20179478954\/corteconstitucionalcronologico202454587\/c-438-13\/\" class=\"_self pt-cv-readmore btn btn-success\" target=\"_self\">Ver Sentencia Completa...<\/a><\/div><\/div><\/div><\/div>\n<div class=\"col-md-12 col-sm-12 col-xs-12 pt-cv-content-item pt-cv-1-col\" ><div class='pt-cv-ifield'><a href=\"https:\/\/www.dmsjuridica.com\/buscador_20179478954\/corteconstitucionalcronologico202454587\/c-437-13\/\" class=\"_self pt-cv-href-thumbnail pt-cv-thumb-default\" target=\"_self\" ><\/a>\n<div class=\"pt-cv-taxoterm above_title\"><a href='https:\/\/www.dmsjuridica.com\/buscador_20179478954\/corteconstitucionalcronologico202454587\/category\/buscar-en-toda-la-corte\/2013\/sentencias-2013\/' title='Sentencias 2013' class='pt-cv-tax-sentencias-2013'>Sentencias 2013<\/a><\/div>\n<h4 class=\"pt-cv-title\"><a href=\"https:\/\/www.dmsjuridica.com\/buscador_20179478954\/corteconstitucionalcronologico202454587\/c-437-13\/\" class=\"_self\" target=\"_self\" >C-437-13<\/a><\/h4>\n<div class=\"pt-cv-content\">\u00a0 \u00a0 \u00a0 \u00a0 \u00a0 \u00a0C-437-13 \u00a0 \u00a0 \u00a0 \u00a0 \u00a0 \u00a0\u00a0 Sentencia \u00a0 C-437\/13 \u00a0 \u00a0 TERMINO PARA REFORMAR LA DEMANDA DENTRO DEL PLAZO DE \u00a0 CADUCIDAD DE LA ACCION ELECTORAL-Exequibilidad \u00a0 \u00a0 DEMANDA DE INCONSTITUCIONALIDAD-Requisitos \u00a0 \u00a0 DEMANDA DE INCONSTITUCIONALIDAD-Razones claras, ciertas, espec\u00edficas, pertinentes y \u00a0 suficientes \u00a0 \u00a0 LIBERTAD DE CONFIGURACION LEGISLATIVA EN MATERIA DE PROCESOS \u00a0 Y ACCIONES-Jurisprudencia constitucional \u00a0 \u00a0 LEGISLADOR-Libertad \u00a0 para definir procedimiento en los procesos\/LIBERTAD DE CONFIGURACION \u00a0 LEGISLATIVA-Definici\u00f3n del procedimiento en los procesos \u00a0 \u00a0 La Corte Constitucional ha se\u00f1alado que \u00a0 seg\u00fan el art\u00edculo 150-2 de la C.P., le corresponde ...<br \/><div class=\"pt-cv-rmwrap\"><a href=\"https:\/\/www.dmsjuridica.com\/buscador_20179478954\/corteconstitucionalcronologico202454587\/c-437-13\/\" class=\"_self pt-cv-readmore btn btn-success\" target=\"_self\">Ver Sentencia Completa...<\/a><\/div><\/div><\/div><\/div>\n<div class=\"col-md-12 col-sm-12 col-xs-12 pt-cv-content-item pt-cv-1-col\" ><div class='pt-cv-ifield'><a href=\"https:\/\/www.dmsjuridica.com\/buscador_20179478954\/corteconstitucionalcronologico202454587\/c-436-13\/\" class=\"_self pt-cv-href-thumbnail pt-cv-thumb-default\" target=\"_self\" ><\/a>\n<div class=\"pt-cv-taxoterm above_title\"><a href='https:\/\/www.dmsjuridica.com\/buscador_20179478954\/corteconstitucionalcronologico202454587\/category\/buscar-en-toda-la-corte\/2013\/sentencias-2013\/' title='Sentencias 2013' class='pt-cv-tax-sentencias-2013'>Sentencias 2013<\/a><\/div>\n<h4 class=\"pt-cv-title\"><a href=\"https:\/\/www.dmsjuridica.com\/buscador_20179478954\/corteconstitucionalcronologico202454587\/c-436-13\/\" class=\"_self\" target=\"_self\" >C-436-13<\/a><\/h4>\n<div class=\"pt-cv-content\">\u00a0 \u00a0 \u00a0 \u00a0 \u00a0 \u00a0C-436-13 \u00a0 \u00a0 \u00a0 \u00a0 \u00a0 \u00a0\u00a0 ((Bogot\u00e1 DC, julio 10) \u00a0 \u00a0 ASIGNACION \u00a0 FUNCIONES JURISDICCIONALES A DIRECCION NACIONAL DE DERECHOS DE AUTOR-Exequibilidad \u00a0 condicionada del literal b), numeral 3 del art\u00edculo 24 de la Ley 1564 de \u00a0 2012 \u00a0 \u00a0 La Corte \u00a0 consider\u00f3 que la atribuci\u00f3n de funciones jurisdiccionales a la Direcci\u00f3n \u00a0 Nacional de Derechos de Autor, en los procesos relacionados con los derechos de \u00a0 autor y conexos, no viola los mandatos de precisi\u00f3n tem\u00e1tica y org\u00e1nica \u00a0 derivados del art\u00edculo 116 de la Constituci\u00f3n. Adicionalmente constat\u00f3 que tal ...<br \/><div class=\"pt-cv-rmwrap\"><a href=\"https:\/\/www.dmsjuridica.com\/buscador_20179478954\/corteconstitucionalcronologico202454587\/c-436-13\/\" class=\"_self pt-cv-readmore btn btn-success\" target=\"_self\">Ver Sentencia Completa...<\/a><\/div><\/div><\/div><\/div>\n<div class=\"col-md-12 col-sm-12 col-xs-12 pt-cv-content-item pt-cv-1-col\" ><div class='pt-cv-ifield'><a href=\"https:\/\/www.dmsjuridica.com\/buscador_20179478954\/corteconstitucionalcronologico202454587\/c-434-13\/\" class=\"_self pt-cv-href-thumbnail pt-cv-thumb-default\" target=\"_self\" ><\/a>\n<div class=\"pt-cv-taxoterm above_title\"><a href='https:\/\/www.dmsjuridica.com\/buscador_20179478954\/corteconstitucionalcronologico202454587\/category\/buscar-en-toda-la-corte\/2013\/sentencias-2013\/' title='Sentencias 2013' class='pt-cv-tax-sentencias-2013'>Sentencias 2013<\/a><\/div>\n<h4 class=\"pt-cv-title\"><a href=\"https:\/\/www.dmsjuridica.com\/buscador_20179478954\/corteconstitucionalcronologico202454587\/c-434-13\/\" class=\"_self\" target=\"_self\" >C-434-13<\/a><\/h4>\n<div class=\"pt-cv-content\">\u00a0 \u00a0 \u00a0 \u00a0 \u00a0 \u00a0C-434-13 \u00a0 \u00a0 \u00a0 \u00a0 \u00a0 \u00a0\u00a0 Sentencia \u00a0 C-434\/13 \u00a0 \u00a0 DEBER DE \u00a0 INFORMACION SOBRE OCURRENCIA DE ACTOS DE CORRUPCION TIPIFICADOS COMO DELITOS POR \u00a0 EL ORDENAMIENTO PENAL-Inhabilidad para contratar con el Estado a \u00a0 interventor que incumpla, no vulnera principio de legalidad ni derecho de \u00a0 defensa\/INHABILIDAD PARA CONTRATAR CON EL ESTADO A INTERVENTOR QUE NO CUMPLA \u00a0 CON DEBER DE INFORMACION PREVISTO EN LEY 1474 DE 2011-Si concurre con \u00a0 sanci\u00f3n de la misma naturaleza, debe imponerse la m\u00e1s alta \u00a0 \u00a0 INHABILIDAD PARA \u00a0 CONTRATAR CON EL ESTADO A INTERVENTOR ...<br \/><div class=\"pt-cv-rmwrap\"><a href=\"https:\/\/www.dmsjuridica.com\/buscador_20179478954\/corteconstitucionalcronologico202454587\/c-434-13\/\" class=\"_self pt-cv-readmore btn btn-success\" target=\"_self\">Ver Sentencia Completa...<\/a><\/div><\/div><\/div><\/div>\n<div class=\"col-md-12 col-sm-12 col-xs-12 pt-cv-content-item pt-cv-1-col\" ><div class='pt-cv-ifield'><a href=\"https:\/\/www.dmsjuridica.com\/buscador_20179478954\/corteconstitucionalcronologico202454587\/c-433-13\/\" class=\"_self pt-cv-href-thumbnail pt-cv-thumb-default\" target=\"_self\" ><\/a>\n<div class=\"pt-cv-taxoterm above_title\"><a href='https:\/\/www.dmsjuridica.com\/buscador_20179478954\/corteconstitucionalcronologico202454587\/category\/buscar-en-toda-la-corte\/2013\/sentencias-2013\/' title='Sentencias 2013' class='pt-cv-tax-sentencias-2013'>Sentencias 2013<\/a><\/div>\n<h4 class=\"pt-cv-title\"><a href=\"https:\/\/www.dmsjuridica.com\/buscador_20179478954\/corteconstitucionalcronologico202454587\/c-433-13\/\" class=\"_self\" target=\"_self\" >C-433-13<\/a><\/h4>\n<div class=\"pt-cv-content\">\u00a0 \u00a0 \u00a0 \u00a0 \u00a0 \u00a0C-433-13 \u00a0 \u00a0 \u00a0 \u00a0 \u00a0 \u00a0\u00a0 Sentencia C-433\/13 \u00a0 \u00a0 ATRIBUCION A PARTICULARES Y AUTORIDADES DISTINTAS A LA \u00a0 FISCALIA EL EJERCICIO DE LA ACCION PENAL-Inhibici\u00f3n para decidir de fondo \u00a0 \u00a0 DEMANDA DE INCONSTITUCIONALIDAD-Caducidad \u00a0 \u00a0 DEMANDA DE INCONSTITUCIONALIDAD-Requisitos \u00a0 \u00a0 DEMANDA DE INCONSTITUCIONALIDAD-Razones claras, ciertas, espec\u00edficas, pertinentes y \u00a0 suficientes \u00a0 \u00a0 COMPETENCIA-Problemas \u00a0 se proyectan al estudio tanto de vicios de procedimiento como a los de contenido \u00a0 material \u00a0 \u00a0 CONTROL DE CONSTITUCIONALIDAD DE ACTO LEGISLATIVO-Precisi\u00f3n del alcance de la competencia de la Corte en \u00a0 relaci\u00f3n con vicios competenciales ...<br \/><div class=\"pt-cv-rmwrap\"><a href=\"https:\/\/www.dmsjuridica.com\/buscador_20179478954\/corteconstitucionalcronologico202454587\/c-433-13\/\" class=\"_self pt-cv-readmore btn btn-success\" target=\"_self\">Ver Sentencia Completa...<\/a><\/div><\/div><\/div><\/div>\n<div class=\"col-md-12 col-sm-12 col-xs-12 pt-cv-content-item pt-cv-1-col\" ><div class='pt-cv-ifield'><a href=\"https:\/\/www.dmsjuridica.com\/buscador_20179478954\/corteconstitucionalcronologico202454587\/c-406-13\/\" class=\"_self pt-cv-href-thumbnail pt-cv-thumb-default\" target=\"_self\" ><\/a>\n<div class=\"pt-cv-taxoterm above_title\"><a href='https:\/\/www.dmsjuridica.com\/buscador_20179478954\/corteconstitucionalcronologico202454587\/category\/buscar-en-toda-la-corte\/2013\/sentencias-2013\/' title='Sentencias 2013' class='pt-cv-tax-sentencias-2013'>Sentencias 2013<\/a><\/div>\n<h4 class=\"pt-cv-title\"><a href=\"https:\/\/www.dmsjuridica.com\/buscador_20179478954\/corteconstitucionalcronologico202454587\/c-406-13\/\" class=\"_self\" target=\"_self\" >C-406-13<\/a><\/h4>\n<div class=\"pt-cv-content\">\u00a0 \u00a0 \u00a0 \u00a0 \u00a0 \u00a0C-406-13 \u00a0 \u00a0 \u00a0 \u00a0 \u00a0 \u00a0\u00a0 Sentencia C-406\/13 \u00a0 \u00a0 PROYECTO DE LEY ESTATUTARIA, QUE MODIFICA \u00a0 EL NUMERAL 9 DEL ARTICULO 35 DE LA LEY 270 DE 1996, REFERIDO A LA REELECCION DEL \u00a0 AUDITOR GENERAL-Exequibilidad condicionada\/POSIBILIDAD \u00a0 DE REELECCION DEL AUDITOR GENERAL DE LA NACION-No es aplicable para el periodo inmediato \u00a0 \u00a0 La Corte \u00a0concluye que, por una parte, se cumplieron a cabalidad los requisitos de \u00a0 procedimiento exigidos por la Constituci\u00f3n y el reglamento del Congreso; y, por \u00a0 la otra, porque se aviene a la Carta el hecho \u00a0 ...<br \/><div class=\"pt-cv-rmwrap\"><a href=\"https:\/\/www.dmsjuridica.com\/buscador_20179478954\/corteconstitucionalcronologico202454587\/c-406-13\/\" class=\"_self pt-cv-readmore btn btn-success\" target=\"_self\">Ver Sentencia Completa...<\/a><\/div><\/div><\/div><\/div>\n<div class=\"col-md-12 col-sm-12 col-xs-12 pt-cv-content-item pt-cv-1-col\" ><div class='pt-cv-ifield'><a href=\"https:\/\/www.dmsjuridica.com\/buscador_20179478954\/corteconstitucionalcronologico202454587\/c-405-13\/\" class=\"_self pt-cv-href-thumbnail pt-cv-thumb-default\" target=\"_self\" ><\/a>\n<div class=\"pt-cv-taxoterm above_title\"><a href='https:\/\/www.dmsjuridica.com\/buscador_20179478954\/corteconstitucionalcronologico202454587\/category\/buscar-en-toda-la-corte\/2013\/sentencias-2013\/' title='Sentencias 2013' class='pt-cv-tax-sentencias-2013'>Sentencias 2013<\/a><\/div>\n<h4 class=\"pt-cv-title\"><a href=\"https:\/\/www.dmsjuridica.com\/buscador_20179478954\/corteconstitucionalcronologico202454587\/c-405-13\/\" class=\"_self\" target=\"_self\" >C-405-13<\/a><\/h4>\n<div class=\"pt-cv-content\">\u00a0 \u00a0 \u00a0 \u00a0 \u00a0 \u00a0C-405-13 \u00a0 \u00a0 \u00a0 \u00a0 \u00a0 \u00a0\u00a0 Sentencia C-405\/13 \u00a0 \u00a0 ADSCRIPCION DEL CONSEJO NACIONAL JUEGOS DE SUERTE Y AZAR AL \u00a0 MINISTERIO DE HACIENDA Y CREDITO PUBLICO-Facultades \u00a0 extraordinarias\/CONSEJO NACIONAL DE JUEGOS DE SUERTE Y AZAR-Determinaci\u00f3n \u00a0 de adscripci\u00f3n \u00a0 \u00a0 En relaci\u00f3n con la integraci\u00f3n o forma de composici\u00f3n \u00a0 de este Consejo no aparecen cargos, el actor limita su exposici\u00f3n a se\u00f1alar que \u00a0 siendo inconstitucional el art\u00edculo 1\u00ba, el 2\u00ba debe correr la misma suerte, una \u00a0 especie de inconstitucionalidad por consecuencia que no cuenta con razones \u00a0 claras, especificas ni ...<br \/><div class=\"pt-cv-rmwrap\"><a href=\"https:\/\/www.dmsjuridica.com\/buscador_20179478954\/corteconstitucionalcronologico202454587\/c-405-13\/\" class=\"_self pt-cv-readmore btn btn-success\" target=\"_self\">Ver Sentencia Completa...<\/a><\/div><\/div><\/div><\/div>\n<div class=\"col-md-12 col-sm-12 col-xs-12 pt-cv-content-item pt-cv-1-col\" ><div class='pt-cv-ifield'><a href=\"https:\/\/www.dmsjuridica.com\/buscador_20179478954\/corteconstitucionalcronologico202454587\/c-404-13\/\" class=\"_self pt-cv-href-thumbnail pt-cv-thumb-default\" target=\"_self\" ><\/a>\n<div class=\"pt-cv-taxoterm above_title\"><a href='https:\/\/www.dmsjuridica.com\/buscador_20179478954\/corteconstitucionalcronologico202454587\/category\/buscar-en-toda-la-corte\/2013\/sentencias-2013\/' title='Sentencias 2013' class='pt-cv-tax-sentencias-2013'>Sentencias 2013<\/a><\/div>\n<h4 class=\"pt-cv-title\"><a href=\"https:\/\/www.dmsjuridica.com\/buscador_20179478954\/corteconstitucionalcronologico202454587\/c-404-13\/\" class=\"_self\" target=\"_self\" >C-404-13<\/a><\/h4>\n<div class=\"pt-cv-content\">\u00a0 \u00a0 \u00a0 \u00a0 \u00a0 \u00a0C-404-13 \u00a0 \u00a0 \u00a0 \u00a0 \u00a0 \u00a0\u00a0 Sentencia C-404\/13 \u00a0 \u00a0 PATRIA \u00a0 POTESTAD SOBRE HIJOS LEGITIMOS-Inexequibilidad de expresi\u00f3n \u201cleg\u00edtimos\u201d \u00a0 contenida en el inciso 2 del art\u00edculo 288 del c\u00f3digo civil \u00a0 \u00a0 El que el \u00a0 inciso 2\u00b0 del art\u00edculo 288 del C\u00f3digo Civil consagre el ejercicio de la patria \u00a0 potestad como un ejercicio conjunto de los padres respecto de los hijos \u00a0 \u201cleg\u00edtimos\u201d, quienes a su vez son titulares del beneficio que otorga esa \u00a0 protecci\u00f3n parental, constituye una discriminaci\u00f3n por el origen familiar que \u00a0 excluye en la literalidad del ...<br \/><div class=\"pt-cv-rmwrap\"><a href=\"https:\/\/www.dmsjuridica.com\/buscador_20179478954\/corteconstitucionalcronologico202454587\/c-404-13\/\" class=\"_self pt-cv-readmore btn btn-success\" target=\"_self\">Ver Sentencia Completa...<\/a><\/div><\/div><\/div><\/div>\n<div class=\"col-md-12 col-sm-12 col-xs-12 pt-cv-content-item pt-cv-1-col\" ><div class='pt-cv-ifield'><a href=\"https:\/\/www.dmsjuridica.com\/buscador_20179478954\/corteconstitucionalcronologico202454587\/c-403-13\/\" class=\"_self pt-cv-href-thumbnail pt-cv-thumb-default\" target=\"_self\" ><\/a>\n<div class=\"pt-cv-taxoterm above_title\"><a href='https:\/\/www.dmsjuridica.com\/buscador_20179478954\/corteconstitucionalcronologico202454587\/category\/buscar-en-toda-la-corte\/2013\/sentencias-2013\/' title='Sentencias 2013' class='pt-cv-tax-sentencias-2013'>Sentencias 2013<\/a><\/div>\n<h4 class=\"pt-cv-title\"><a href=\"https:\/\/www.dmsjuridica.com\/buscador_20179478954\/corteconstitucionalcronologico202454587\/c-403-13\/\" class=\"_self\" target=\"_self\" >C-403-13<\/a><\/h4>\n<div class=\"pt-cv-content\">\u00a0 \u00a0 \u00a0 \u00a0 \u00a0 \u00a0C-403-13 \u00a0 \u00a0 \u00a0 \u00a0 \u00a0 \u00a0\u00a0 Sentencia C-403\/13 \u00a0 \u00a0 CONSENTIMIENTO PARA ADOPCION DEL HIJO QUE ESTA POR \u00a0 NACER EN EL CODIGO DE LA INFANCIA Y ADOLECENCIA-Inhibici\u00f3n para decidir de fondo \u00a0 \u00a0 La Corte debe inhibirse para \u00a0 pronunciarse sobre la constitucionalidad de la disposici\u00f3n impugnada, por las \u00a0 siguientes razones: (i) Aunque el actor demand\u00f3 el Art\u00edculo 66.4 del C\u00f3digo de \u00a0 la Infancia y la Adolescencia, ninguna de las acusaciones se dirige a cuestionar \u00a0 la regla general all\u00ed prevista, sino a controvertir la soluci\u00f3n quede \u00e9sta se \u00a0 deriva ...<br \/><div class=\"pt-cv-rmwrap\"><a href=\"https:\/\/www.dmsjuridica.com\/buscador_20179478954\/corteconstitucionalcronologico202454587\/c-403-13\/\" class=\"_self pt-cv-readmore btn btn-success\" target=\"_self\">Ver Sentencia Completa...<\/a><\/div><\/div><\/div><\/div>\n<div class=\"col-md-12 col-sm-12 col-xs-12 pt-cv-content-item pt-cv-1-col\" ><div class='pt-cv-ifield'><a href=\"https:\/\/www.dmsjuridica.com\/buscador_20179478954\/corteconstitucionalcronologico202454587\/c-402-13\/\" class=\"_self pt-cv-href-thumbnail pt-cv-thumb-default\" target=\"_self\" ><\/a>\n<div class=\"pt-cv-taxoterm above_title\"><a href='https:\/\/www.dmsjuridica.com\/buscador_20179478954\/corteconstitucionalcronologico202454587\/category\/buscar-en-toda-la-corte\/2013\/sentencias-2013\/' title='Sentencias 2013' class='pt-cv-tax-sentencias-2013'>Sentencias 2013<\/a><\/div>\n<h4 class=\"pt-cv-title\"><a href=\"https:\/\/www.dmsjuridica.com\/buscador_20179478954\/corteconstitucionalcronologico202454587\/c-402-13\/\" class=\"_self\" target=\"_self\" >C-402-13<\/a><\/h4>\n<div class=\"pt-cv-content\">\u00a0 \u00a0 \u00a0 \u00a0 \u00a0 \u00a0C-402-13 \u00a0 \u00a0 \u00a0 \u00a0 \u00a0 \u00a0\u00a0 Sentencia C-402\/13 \u00a0 \u00a0 REGIMEN SALARIAL Y \u00a0 PRESTACIONAL DE LOS EMPLEADOS PUBLICOS DEL ORDEN TERRITORIAL-Contenido y alcance\u00a0 \u00a0 \u00a0 Se ha explicado en esta sentencia que \u00a0 la determinaci\u00f3n del r\u00e9gimen salarial de los servidores p\u00fablicos del orden \u00a0 territorial responde a una f\u00f3rmula de armonizaci\u00f3n entre el principio de Estado \u00a0 unitario y el grado de autonom\u00eda que la Constituci\u00f3n reconoce a las entidades \u00a0 locales.\u00a0 A partir de ese marco, el Congreso y el Gobierno fijan los \u00a0 criterios y objetivos generales a los que ...<br \/><div class=\"pt-cv-rmwrap\"><a href=\"https:\/\/www.dmsjuridica.com\/buscador_20179478954\/corteconstitucionalcronologico202454587\/c-402-13\/\" class=\"_self pt-cv-readmore btn btn-success\" target=\"_self\">Ver Sentencia Completa...<\/a><\/div><\/div><\/div><\/div>\n<div class=\"col-md-12 col-sm-12 col-xs-12 pt-cv-content-item pt-cv-1-col\" ><div class='pt-cv-ifield'><a href=\"https:\/\/www.dmsjuridica.com\/buscador_20179478954\/corteconstitucionalcronologico202454587\/c-401-13\/\" class=\"_self pt-cv-href-thumbnail pt-cv-thumb-default\" target=\"_self\" ><\/a>\n<div class=\"pt-cv-taxoterm above_title\"><a href='https:\/\/www.dmsjuridica.com\/buscador_20179478954\/corteconstitucionalcronologico202454587\/category\/buscar-en-toda-la-corte\/2013\/sentencias-2013\/' title='Sentencias 2013' class='pt-cv-tax-sentencias-2013'>Sentencias 2013<\/a><\/div>\n<h4 class=\"pt-cv-title\"><a href=\"https:\/\/www.dmsjuridica.com\/buscador_20179478954\/corteconstitucionalcronologico202454587\/c-401-13\/\" class=\"_self\" target=\"_self\" >C-401-13<\/a><\/h4>\n<div class=\"pt-cv-content\">\u00a0 \u00a0 \u00a0 \u00a0 \u00a0 \u00a0C-401-13 \u00a0 \u00a0 \u00a0 \u00a0 \u00a0 \u00a0\u00a0 Sentencia C-401\/13 \u00a0 \u00a0 (Julio 3) \u00a0 \u00a0 PRACTICA DE PRUEBAS EN SEGUNDA INSTANCIA EN PROCESO DISCIPLINARIO \u00a0 VERBAL, BIEN SEA DE OFICIO O COMO CONSECUENCIA DE LA REVOCACION DEL AUTO QUE LAS \u00a0 NIEGA-Configura una limitaci\u00f3n razonable y \u00a0 proporcionada que no vulnera los derechos de defensa y de contradicci\u00f3n \u00a0 \u00a0 MEDIDA DE RESOLVER RECURSO DE APELACION DEL AUTO QUE NIEGA LA \u00a0 PRACTICA DE PRUEBAS, UNA VEZ PROFERIDO FALLO DE PRIMERA INSTANCIA DEL PROCESO \u00a0 VERBAL DISCIPLINARIO-Materializaci\u00f3n de principios \u00a0 en concordancia con el art\u00edculo ...<br \/><div class=\"pt-cv-rmwrap\"><a href=\"https:\/\/www.dmsjuridica.com\/buscador_20179478954\/corteconstitucionalcronologico202454587\/c-401-13\/\" class=\"_self pt-cv-readmore btn btn-success\" target=\"_self\">Ver Sentencia Completa...<\/a><\/div><\/div><\/div><\/div>\n<div class=\"col-md-12 col-sm-12 col-xs-12 pt-cv-content-item pt-cv-1-col\" ><div class='pt-cv-ifield'><a href=\"https:\/\/www.dmsjuridica.com\/buscador_20179478954\/corteconstitucionalcronologico202454587\/c-400-13\/\" class=\"_self pt-cv-href-thumbnail pt-cv-thumb-default\" target=\"_self\" ><\/a>\n<div class=\"pt-cv-taxoterm above_title\"><a href='https:\/\/www.dmsjuridica.com\/buscador_20179478954\/corteconstitucionalcronologico202454587\/category\/buscar-en-toda-la-corte\/2013\/sentencias-2013\/' title='Sentencias 2013' class='pt-cv-tax-sentencias-2013'>Sentencias 2013<\/a><\/div>\n<h4 class=\"pt-cv-title\"><a href=\"https:\/\/www.dmsjuridica.com\/buscador_20179478954\/corteconstitucionalcronologico202454587\/c-400-13\/\" class=\"_self\" target=\"_self\" >C-400-13<\/a><\/h4>\n<div class=\"pt-cv-content\">\u00a0 \u00a0 \u00a0 \u00a0 \u00a0 \u00a0C-400-13 \u00a0 \u00a0 \u00a0 \u00a0 \u00a0 \u00a0\u00a0 Sentencia C-400\/13 \u00a0 \u00a0 CODIGO DE PROCEDIMIENTO ADMINISTRATIVO Y \u00a0 DE LO CONTENCIOSO ADMINISTRATIVO-Nulidad por \u00a0 inconstitucionalidad y efectos de la sentencia de nulidad de actos \u00a0 administrativos\/CORTE CONSTITUCIONAL-Orbita de su competencia en \u00a0 materia de control abstracto de constitucionalidad de actos de contenido \u00a0 general\/EFECTOS DE SENTENCIA QUE DECLARA NULIDAD DE ACTO QUE CORRESPONDE AL \u00a0 CONSEJO DE ESTADO-Resulta compatible con la Constituci\u00f3n Pol\u00edtica, \u00a0 salvo en lo relativo a la cosa juzgada \u201cconstitucional\u201d, que se declara \u00a0 inexequible \u00a0 \u00a0 Correspondi\u00f3 a la \u00a0 Corte determinar ...<br \/><div class=\"pt-cv-rmwrap\"><a href=\"https:\/\/www.dmsjuridica.com\/buscador_20179478954\/corteconstitucionalcronologico202454587\/c-400-13\/\" class=\"_self pt-cv-readmore btn btn-success\" target=\"_self\">Ver Sentencia Completa...<\/a><\/div><\/div><\/div><\/div>\n<div class=\"col-md-12 col-sm-12 col-xs-12 pt-cv-content-item pt-cv-1-col\" ><div class='pt-cv-ifield'><a href=\"https:\/\/www.dmsjuridica.com\/buscador_20179478954\/corteconstitucionalcronologico202454587\/c-361-13\/\" class=\"_self pt-cv-href-thumbnail pt-cv-thumb-default\" target=\"_self\" ><\/a>\n<div class=\"pt-cv-taxoterm above_title\"><a href='https:\/\/www.dmsjuridica.com\/buscador_20179478954\/corteconstitucionalcronologico202454587\/category\/buscar-en-toda-la-corte\/2013\/sentencias-2013\/' title='Sentencias 2013' class='pt-cv-tax-sentencias-2013'>Sentencias 2013<\/a><\/div>\n<h4 class=\"pt-cv-title\"><a href=\"https:\/\/www.dmsjuridica.com\/buscador_20179478954\/corteconstitucionalcronologico202454587\/c-361-13\/\" class=\"_self\" target=\"_self\" >C-361-13<\/a><\/h4>\n<div class=\"pt-cv-content\">\u00a0 \u00a0 \u00a0 \u00a0 \u00a0 \u00a0C-361-13 \u00a0 \u00a0 \u00a0 \u00a0 \u00a0 \u00a0\u00a0 Sentencia C-361\/13 \u00a0 \u00a0 (Junio \u00a0 26 de 2013) \u00a0 \u00a0 CONVENIO SOBRE \u00a0 DISTRIBUCION DE SE\u00d1ALES PORTADORAS DE PROGRAMAS TRANSMITIDOS POR SATELITE-Protecci\u00f3n \u00a0 de los derechos de autor \u00a0 \u00a0 CONVENIO SOBRE \u00a0 DISTRIBUCION DE SE\u00d1ALES PORTADORAS DE PROGRAMAS TRANSMITIDOS POR SATELITE-Se \u00a0 ajusta a la Constituci\u00f3n \u00a0 \u00a0 La Corte Constitucional encuentra cumplidos los requisitos de tr\u00e1mite \u00a0 del proyecto de ley aprobatorio del Convenio en cuesti\u00f3n, as\u00ed: (i) surti\u00f3 los \u00a0 cuatro debates de aprobaci\u00f3n con el qu\u00f3rum exigido y las mayor\u00edas necesarias; \u00a0 (ii) ...<br \/><div class=\"pt-cv-rmwrap\"><a href=\"https:\/\/www.dmsjuridica.com\/buscador_20179478954\/corteconstitucionalcronologico202454587\/c-361-13\/\" class=\"_self pt-cv-readmore btn btn-success\" target=\"_self\">Ver Sentencia Completa...<\/a><\/div><\/div><\/div><\/div>\n<div class=\"col-md-12 col-sm-12 col-xs-12 pt-cv-content-item pt-cv-1-col\" ><div class='pt-cv-ifield'><a href=\"https:\/\/www.dmsjuridica.com\/buscador_20179478954\/corteconstitucionalcronologico202454587\/c-360-13\/\" class=\"_self pt-cv-href-thumbnail pt-cv-thumb-default\" target=\"_self\" ><\/a>\n<div class=\"pt-cv-taxoterm above_title\"><a href='https:\/\/www.dmsjuridica.com\/buscador_20179478954\/corteconstitucionalcronologico202454587\/category\/buscar-en-toda-la-corte\/2013\/sentencias-2013\/' title='Sentencias 2013' class='pt-cv-tax-sentencias-2013'>Sentencias 2013<\/a><\/div>\n<h4 class=\"pt-cv-title\"><a href=\"https:\/\/www.dmsjuridica.com\/buscador_20179478954\/corteconstitucionalcronologico202454587\/c-360-13\/\" class=\"_self\" target=\"_self\" >C-360-13<\/a><\/h4>\n<div class=\"pt-cv-content\">\u00a0 \u00a0 \u00a0 \u00a0 \u00a0 \u00a0C-360-13 \u00a0 \u00a0 \u00a0 \u00a0 \u00a0 \u00a0\u00a0 Sentencia C-360\/13 \u00a0 \u00a0 REFORMAS \u00a0 INTRODUCIDAS POR LA ASAMBLEA DE LOS GOBERNADORES DEL BANCO CENTROAMERICANO DE \u00a0 INTEGRACION ECONOMICA-Exequibilidad \u00a0 \u00a0 La Corte determin\u00f3 que las reformas \u00a0 introducidas por la Asamblea de Gobernadores del Banco Interamericano de \u00a0 Integraci\u00f3n Econ\u00f3mica, del cual hace parte Colombia, se ajustan a la \u00a0 Constituci\u00f3n Pol\u00edtica, especialmente como instrumentos de impulso de la \u00a0 integraci\u00f3n econ\u00f3mica entre los pa\u00edses latinoamericanos. \u00a0 \u00a0 CONTROL DE \u00a0 CONSTITUCIONALIDAD DE LAS LEYES APROBATORIAS DE TRATADOS-Naturaleza \u00a0 \u00a0 De acuerdo con lo dispuesto en ...<br \/><div class=\"pt-cv-rmwrap\"><a href=\"https:\/\/www.dmsjuridica.com\/buscador_20179478954\/corteconstitucionalcronologico202454587\/c-360-13\/\" class=\"_self pt-cv-readmore btn btn-success\" target=\"_self\">Ver Sentencia Completa...<\/a><\/div><\/div><\/div><\/div>\n<div class=\"col-md-12 col-sm-12 col-xs-12 pt-cv-content-item pt-cv-1-col\" ><div class='pt-cv-ifield'><a href=\"https:\/\/www.dmsjuridica.com\/buscador_20179478954\/corteconstitucionalcronologico202454587\/c-359-13\/\" class=\"_self pt-cv-href-thumbnail pt-cv-thumb-default\" target=\"_self\" ><\/a>\n<div class=\"pt-cv-taxoterm above_title\"><a href='https:\/\/www.dmsjuridica.com\/buscador_20179478954\/corteconstitucionalcronologico202454587\/category\/buscar-en-toda-la-corte\/2013\/sentencias-2013\/' title='Sentencias 2013' class='pt-cv-tax-sentencias-2013'>Sentencias 2013<\/a><\/div>\n<h4 class=\"pt-cv-title\"><a href=\"https:\/\/www.dmsjuridica.com\/buscador_20179478954\/corteconstitucionalcronologico202454587\/c-359-13\/\" class=\"_self\" target=\"_self\" >C-359-13<\/a><\/h4>\n<div class=\"pt-cv-content\">Sentencia C-359\/13 \u00a0 \u00a0 DEMANDA DE INCONSTITUCIONALIDAD POR OMISION LEGISLATIVA EN LEY QUE \u00a0 PROMUEVE EL ACCESO A LA VIVIENDA DE INTERES SOCIAL Y A LA VIVIENDA DE INTERES \u00a0 PRIORITARIO-Procedencia\/OMISION LEGISLATIVA \u00a0 RELATIVA EN LEY QUE PROMUEVE EL ACCESO A LA VIVIENDA DE INTERES SOCIAL Y \u00a0 VIVIENDA DE INTERES PRIORITARIO-Configuraci\u00f3n por tratamiento \u00a0 discriminatorio en contra de la poblaci\u00f3n gitana o rom y raizales, al excluirlos \u00a0 como beneficiarios del subsidio familiar de vivienda en especie para poblaci\u00f3n \u00a0 vulnerable\/COMUNIDADES RAIZALES-Tambi\u00e9n constituye grupo \u00e9tnico y \u00a0 cultural de la naci\u00f3n con reconocimiento constitucional y legal \u00a0 \u00a0 En ...<br \/><div class=\"pt-cv-rmwrap\"><a href=\"https:\/\/www.dmsjuridica.com\/buscador_20179478954\/corteconstitucionalcronologico202454587\/c-359-13\/\" class=\"_self pt-cv-readmore btn btn-success\" target=\"_self\">Ver Sentencia Completa...<\/a><\/div><\/div><\/div><\/div>\n<div class=\"col-md-12 col-sm-12 col-xs-12 pt-cv-content-item pt-cv-1-col\" ><div class='pt-cv-ifield'><a href=\"https:\/\/www.dmsjuridica.com\/buscador_20179478954\/corteconstitucionalcronologico202454587\/c-358-13\/\" class=\"_self pt-cv-href-thumbnail pt-cv-thumb-default\" target=\"_self\" ><\/a>\n<div class=\"pt-cv-taxoterm above_title\"><a href='https:\/\/www.dmsjuridica.com\/buscador_20179478954\/corteconstitucionalcronologico202454587\/category\/buscar-en-toda-la-corte\/2013\/sentencias-2013\/' title='Sentencias 2013' class='pt-cv-tax-sentencias-2013'>Sentencias 2013<\/a><\/div>\n<h4 class=\"pt-cv-title\"><a href=\"https:\/\/www.dmsjuridica.com\/buscador_20179478954\/corteconstitucionalcronologico202454587\/c-358-13\/\" class=\"_self\" target=\"_self\" >C-358-13<\/a><\/h4>\n<div class=\"pt-cv-content\">\u00a0 \u00a0 \u00a0 \u00a0 \u00a0 \u00a0C-358-13 \u00a0 \u00a0 \u00a0 \u00a0 \u00a0 \u00a0\u00a0 Sentencia C-358\/13 \u00a0 \u00a0 MEDIDAS EN RELACION CON CAJAS \u00a0 DE PREVISION Y PRESTACIONES SOCIALES PARA EL SECTOR PUBLICO-Inhibici\u00f3n \u00a0 para emitir un pronunciamiento de fondo \u00a0 \u00a0 DEMANDA DE \u00a0 INCONSTITUCIONALIDAD-Requisitos \u00a0 \u00a0 DEMANDA DE \u00a0 INCONSTITUCIONALIDAD CONTRA INTERPRETACIONES JUDICIALES-Jurisprudencia \u00a0 constitucional \u00a0 \u00a0 DEMANDA DE \u00a0 INCONSTITUCIONALIDAD CONTRA INTERPRETACIONES JUDICIALES-Requisitos de claridad, \u00a0 certeza, especificidad, pertinencia y suficiencia \u00a0 \u00a0 \u00a0 \u00a0 \u00a0 \u00a0\u00a0 Referencia: expediente D-9128 \u00a0 \u00a0 Actor: Iv\u00e1n Alexander \u00a0\u00a0 \u00a0 \u00a0 \u00a0 \u00a0Chinchilla Alarc\u00f3n \u00a0 \u00a0 Demanda de \u00a0\u00a0 \u00a0 \u00a0 \u00a0 ...<br \/><div class=\"pt-cv-rmwrap\"><a href=\"https:\/\/www.dmsjuridica.com\/buscador_20179478954\/corteconstitucionalcronologico202454587\/c-358-13\/\" class=\"_self pt-cv-readmore btn btn-success\" target=\"_self\">Ver Sentencia Completa...<\/a><\/div><\/div><\/div><\/div>\n<div class=\"col-md-12 col-sm-12 col-xs-12 pt-cv-content-item pt-cv-1-col\" ><div class='pt-cv-ifield'><a href=\"https:\/\/www.dmsjuridica.com\/buscador_20179478954\/corteconstitucionalcronologico202454587\/c-352-13\/\" class=\"_self pt-cv-href-thumbnail pt-cv-thumb-default\" target=\"_self\" ><\/a>\n<div class=\"pt-cv-taxoterm above_title\"><a href='https:\/\/www.dmsjuridica.com\/buscador_20179478954\/corteconstitucionalcronologico202454587\/category\/buscar-en-toda-la-corte\/2013\/sentencias-2013\/' title='Sentencias 2013' class='pt-cv-tax-sentencias-2013'>Sentencias 2013<\/a><\/div>\n<h4 class=\"pt-cv-title\"><a href=\"https:\/\/www.dmsjuridica.com\/buscador_20179478954\/corteconstitucionalcronologico202454587\/c-352-13\/\" class=\"_self\" target=\"_self\" >C-352-13<\/a><\/h4>\n<div class=\"pt-cv-content\">\u00a0 \u00a0 \u00a0 \u00a0 \u00a0 \u00a0C-352-13 \u00a0 \u00a0 \u00a0 \u00a0 \u00a0 \u00a0\u00a0 Sentencia C-352\/13 \u00a0 \u00a0 ACCION PUBLICA DE \u00a0 INCONSTITUCIONALIDAD-Naturaleza jur\u00eddica\/ACCION PUBLICA DE \u00a0 INCONSTITUCIONALIDAD-Requisitos \u00a0 \u00a0 La acci\u00f3n p\u00fablica de inconstitucionalidad es un mecanismo de participaci\u00f3n \u00a0 ciudadana, destinada a provocar que la Corte constitucional, como m\u00e1ximo \u00f3rgano \u00a0 de la jurisdicci\u00f3n constitucional, tras el adelanto de un proceso, produzca una \u00a0 sentencia con efectos de cosa juzgada sobre un cierto problema jur\u00eddico \u00a0 planteado por el actor, relacionado con disposiciones creadas en general aunque \u00a0 no exclusivamente por el Congreso de la Rep\u00fablica, obrando como constituyente \u00a0 ...<br \/><div class=\"pt-cv-rmwrap\"><a href=\"https:\/\/www.dmsjuridica.com\/buscador_20179478954\/corteconstitucionalcronologico202454587\/c-352-13\/\" class=\"_self pt-cv-readmore btn btn-success\" target=\"_self\">Ver Sentencia Completa...<\/a><\/div><\/div><\/div><\/div>\n<div class=\"col-md-12 col-sm-12 col-xs-12 pt-cv-content-item pt-cv-1-col\" ><div class='pt-cv-ifield'><a href=\"https:\/\/www.dmsjuridica.com\/buscador_20179478954\/corteconstitucionalcronologico202454587\/c-351-13\/\" class=\"_self pt-cv-href-thumbnail pt-cv-thumb-default\" target=\"_self\" ><\/a>\n<div class=\"pt-cv-taxoterm above_title\"><a href='https:\/\/www.dmsjuridica.com\/buscador_20179478954\/corteconstitucionalcronologico202454587\/category\/buscar-en-toda-la-corte\/2013\/sentencias-2013\/' title='Sentencias 2013' class='pt-cv-tax-sentencias-2013'>Sentencias 2013<\/a><\/div>\n<h4 class=\"pt-cv-title\"><a href=\"https:\/\/www.dmsjuridica.com\/buscador_20179478954\/corteconstitucionalcronologico202454587\/c-351-13\/\" class=\"_self\" target=\"_self\" >C-351-13<\/a><\/h4>\n<div class=\"pt-cv-content\">\u00a0 \u00a0 \u00a0 \u00a0 \u00a0 \u00a0C-351-13 \u00a0 \u00a0 \u00a0 \u00a0 \u00a0 \u00a0\u00a0 Sentencia \u00a0 C-351\/13 \u00a0 \u00a0 DEMANDA DE INCONSTITUCIONALIDAD \u00a0 POR OMISION LEGISLATIVA EN LEY QUE REGULA Y PROMUEVE EL TELETRABAJO-Procedencia\/OMISION \u00a0 LEGISLATIVA RELATIVA EN LEY QUE REGULA Y PROMUEVE EL TELETRABAJO-Configuraci\u00f3n \u00a0 por cuanto no se previ\u00f3 la participaci\u00f3n de los trabajadores u organizaciones \u00a0 sindicales en la formulaci\u00f3n de la pol\u00edtica p\u00fablica de fomento al teletrabajo \u00a0 \u00a0 En el presente caso se demanda el art\u00edculo 3\u00ba de la ley 1221 \u00a0 de 2008 que determina los responsables de la formulaci\u00f3n de una pol\u00edtica p\u00fablica \u00a0 de ...<br \/><div class=\"pt-cv-rmwrap\"><a href=\"https:\/\/www.dmsjuridica.com\/buscador_20179478954\/corteconstitucionalcronologico202454587\/c-351-13\/\" class=\"_self pt-cv-readmore btn btn-success\" target=\"_self\">Ver Sentencia Completa...<\/a><\/div><\/div><\/div><\/div>\n<div class=\"col-md-12 col-sm-12 col-xs-12 pt-cv-content-item pt-cv-1-col\" ><div class='pt-cv-ifield'><a href=\"https:\/\/www.dmsjuridica.com\/buscador_20179478954\/corteconstitucionalcronologico202454587\/c-350-13\/\" class=\"_self pt-cv-href-thumbnail pt-cv-thumb-default\" target=\"_self\" ><\/a>\n<div class=\"pt-cv-taxoterm above_title\"><a href='https:\/\/www.dmsjuridica.com\/buscador_20179478954\/corteconstitucionalcronologico202454587\/category\/buscar-en-toda-la-corte\/2013\/sentencias-2013\/' title='Sentencias 2013' class='pt-cv-tax-sentencias-2013'>Sentencias 2013<\/a><\/div>\n<h4 class=\"pt-cv-title\"><a href=\"https:\/\/www.dmsjuridica.com\/buscador_20179478954\/corteconstitucionalcronologico202454587\/c-350-13\/\" class=\"_self\" target=\"_self\" >C-350-13<\/a><\/h4>\n<div class=\"pt-cv-content\">\u00a0 \u00a0 \u00a0 \u00a0 \u00a0 \u00a0C-350-13 \u00a0 \u00a0 \u00a0 \u00a0 \u00a0 \u00a0\u00a0 Sentencia C-350\/13 \u00a0 \u00a0 (Bogot\u00e1 DC, junio 19 de 2013) \u00a0 \u00a0 TRATADO DE BUDAPEST SOBRE RECONOCIMIENTO \u00a0 INTERNACIONAL DEL DEPOSITO DE MICROORGANISMOS A LOS FINES DEL PROCEDIMIENTO EN \u00a0 MATERIA DE PATENTES, Y SU REGLAMENTO-Contenido no contraviene la Constituci\u00f3n \u00a0 Pol\u00edtica\/ACCESO MATERIAL BIOLOGICO OBJETO DE DEPOSITO REGULADO EN EL TRATADO, \u00a0 SU SALIDA DEL PAIS Y EL RECONOCIMIENTO DE LA RESPECTIVA PATENTE-Declaraci\u00f3n interpretativa \u00a0 \u00a0 Habiendo constatado la Corte que el \u00a0 contenido del \u201cTratado de Budapest sobre el reconocimiento internacional del \u00a0 dep\u00f3sito de microorganismos a ...<br \/><div class=\"pt-cv-rmwrap\"><a href=\"https:\/\/www.dmsjuridica.com\/buscador_20179478954\/corteconstitucionalcronologico202454587\/c-350-13\/\" class=\"_self pt-cv-readmore btn btn-success\" target=\"_self\">Ver Sentencia Completa...<\/a><\/div><\/div><\/div><\/div>\n<div class=\"col-md-12 col-sm-12 col-xs-12 pt-cv-content-item pt-cv-1-col\" ><div class='pt-cv-ifield'><a href=\"https:\/\/www.dmsjuridica.com\/buscador_20179478954\/corteconstitucionalcronologico202454587\/c-336-13\/\" class=\"_self pt-cv-href-thumbnail pt-cv-thumb-default\" target=\"_self\" ><\/a>\n<div class=\"pt-cv-taxoterm above_title\"><a href='https:\/\/www.dmsjuridica.com\/buscador_20179478954\/corteconstitucionalcronologico202454587\/category\/buscar-en-toda-la-corte\/2013\/sentencias-2013\/' title='Sentencias 2013' class='pt-cv-tax-sentencias-2013'>Sentencias 2013<\/a><\/div>\n<h4 class=\"pt-cv-title\"><a href=\"https:\/\/www.dmsjuridica.com\/buscador_20179478954\/corteconstitucionalcronologico202454587\/c-336-13\/\" class=\"_self\" target=\"_self\" >C-336-13<\/a><\/h4>\n<div class=\"pt-cv-content\">\u00a0 \u00a0 \u00a0 \u00a0 \u00a0 \u00a0C-336-13 \u00a0 \u00a0 \u00a0 \u00a0 \u00a0 \u00a0\u00a0 Sentencia C-336\/13 \u00a0 \u00a0 (Bogot\u00e1 DC, junio 13) \u00a0 \u00a0 ATRIBUCIONES DE CORTE SUPREMA DE JUSTICIA Y FISCALIA GENERAL DE LA NACION \u00a0 CONTENIDAS EN ACTO LEGISLATIVO 6 DE 2011-Inhibici\u00f3n para decidir de fondo \u00a0 contra algunas expresiones contenidas art\u00edculos 1 y 3 \u00a0 \u00a0 La demanda analizada present\u00f3 a \u00a0 la Corte Constitucional dos cargos relacionados con la eventual ocurrencia de un \u00a0 vicio competencial por parte del Congreso de la Rep\u00fablica, derivados de la \u00a0 modificaci\u00f3n de la competencia para adelantar las funciones de investigaci\u00f3n y ...<br \/><div class=\"pt-cv-rmwrap\"><a href=\"https:\/\/www.dmsjuridica.com\/buscador_20179478954\/corteconstitucionalcronologico202454587\/c-336-13\/\" class=\"_self pt-cv-readmore btn btn-success\" target=\"_self\">Ver Sentencia Completa...<\/a><\/div><\/div><\/div><\/div>\n<div class=\"col-md-12 col-sm-12 col-xs-12 pt-cv-content-item pt-cv-1-col\" ><div class='pt-cv-ifield'><a href=\"https:\/\/www.dmsjuridica.com\/buscador_20179478954\/corteconstitucionalcronologico202454587\/c-335-13\/\" class=\"_self pt-cv-href-thumbnail pt-cv-thumb-default\" target=\"_self\" ><\/a>\n<div class=\"pt-cv-taxoterm above_title\"><a href='https:\/\/www.dmsjuridica.com\/buscador_20179478954\/corteconstitucionalcronologico202454587\/category\/buscar-en-toda-la-corte\/2013\/sentencias-2013\/' title='Sentencias 2013' class='pt-cv-tax-sentencias-2013'>Sentencias 2013<\/a><\/div>\n<h4 class=\"pt-cv-title\"><a href=\"https:\/\/www.dmsjuridica.com\/buscador_20179478954\/corteconstitucionalcronologico202454587\/c-335-13\/\" class=\"_self\" target=\"_self\" >C-335-13<\/a><\/h4>\n<div class=\"pt-cv-content\">\u00a0 \u00a0 \u00a0 \u00a0 \u00a0 \u00a0C-335-13 \u00a0 \u00a0 \u00a0 \u00a0 \u00a0 \u00a0\u00a0 \u00a0Sentencia C-335\/13 \u00a0 \u00a0 MEDIDAS PARA FOMENTAR LA SANCION SOCIAL Y \u00a0 DENUNCIA DE PRACTICAS DISCRIMINATORIAS Y VIOLENCIA CONTRA LAS MUJERES-Exequibilidad \u00a0 \u00a0 En primer lugar, las sanciones sociales no \u00a0 requieren estar consagradas necesariamente por el ordenamiento jur\u00eddico, sino \u00a0 que surgen en la sociedad como formas de control social informal en la familia, \u00a0 la educaci\u00f3n, la cultura y las relaciones sociales, por esta raz\u00f3n no tienen que \u00a0 ser tipificadas ni se encuentran sometidas al principio de legalidad. En segundo \u00a0 lugar, las sanciones sociales ...<br \/><div class=\"pt-cv-rmwrap\"><a href=\"https:\/\/www.dmsjuridica.com\/buscador_20179478954\/corteconstitucionalcronologico202454587\/c-335-13\/\" class=\"_self pt-cv-readmore btn btn-success\" target=\"_self\">Ver Sentencia Completa...<\/a><\/div><\/div><\/div><\/div>\n<div class=\"col-md-12 col-sm-12 col-xs-12 pt-cv-content-item pt-cv-1-col\" ><div class='pt-cv-ifield'><a href=\"https:\/\/www.dmsjuridica.com\/buscador_20179478954\/corteconstitucionalcronologico202454587\/c-334-13\/\" class=\"_self pt-cv-href-thumbnail pt-cv-thumb-default\" target=\"_self\" ><\/a>\n<div class=\"pt-cv-taxoterm above_title\"><a href='https:\/\/www.dmsjuridica.com\/buscador_20179478954\/corteconstitucionalcronologico202454587\/category\/buscar-en-toda-la-corte\/2013\/sentencias-2013\/' title='Sentencias 2013' class='pt-cv-tax-sentencias-2013'>Sentencias 2013<\/a><\/div>\n<h4 class=\"pt-cv-title\"><a href=\"https:\/\/www.dmsjuridica.com\/buscador_20179478954\/corteconstitucionalcronologico202454587\/c-334-13\/\" class=\"_self\" target=\"_self\" >C-334-13<\/a><\/h4>\n<div class=\"pt-cv-content\">Sentencia C-334\/13 \u00a0 \u00a0 CONCIERTO PARA DELINQUIR Y \u00a0 ENTRENAMIENTO PARA ACTIVIDADES ILICITAS-Circunstancias de agravaci\u00f3n punitiva de conductas \u00a0 cometidas por miembros activos o retirados de la fuerza p\u00fablica o de organismos \u00a0 de seguridad del estado \u00a0 \u00a0 AGRAVACION DE LA PENA APLICABLE A DELITOS DE CONCIERTO \u00a0 PARA DELINQUIR Y ENTRENAMIENTO PARA ACTIVIDADES ILICITAS COMETIDOS POR MIEMBROS \u00a0 ACTIVOS O RETIRADOS DE LA FUERZA PUBLICA O DE ORGANISMOS DE SEGURIDAD DEL \u00a0 ESTADO-Constituye un desarrollo razonable y proporcionado de \u00a0 la potestad de configuraci\u00f3n del legislador en materia penal \u00a0 \u00a0 COSA JUZGADA CONSTITUCIONAL-Inexistencia \u00a0 \u00a0 COSA JUZGADA ...<br \/><div class=\"pt-cv-rmwrap\"><a href=\"https:\/\/www.dmsjuridica.com\/buscador_20179478954\/corteconstitucionalcronologico202454587\/c-334-13\/\" class=\"_self pt-cv-readmore btn btn-success\" target=\"_self\">Ver Sentencia Completa...<\/a><\/div><\/div><\/div><\/div>\n<div class=\"col-md-12 col-sm-12 col-xs-12 pt-cv-content-item pt-cv-1-col\" ><div class='pt-cv-ifield'><a href=\"https:\/\/www.dmsjuridica.com\/buscador_20179478954\/corteconstitucionalcronologico202454587\/c-332-13\/\" class=\"_self pt-cv-href-thumbnail pt-cv-thumb-default\" target=\"_self\" ><\/a>\n<div class=\"pt-cv-taxoterm above_title\"><a href='https:\/\/www.dmsjuridica.com\/buscador_20179478954\/corteconstitucionalcronologico202454587\/category\/buscar-en-toda-la-corte\/2013\/sentencias-2013\/' title='Sentencias 2013' class='pt-cv-tax-sentencias-2013'>Sentencias 2013<\/a><\/div>\n<h4 class=\"pt-cv-title\"><a href=\"https:\/\/www.dmsjuridica.com\/buscador_20179478954\/corteconstitucionalcronologico202454587\/c-332-13\/\" class=\"_self\" target=\"_self\" >C-332-13<\/a><\/h4>\n<div class=\"pt-cv-content\">\u00a0 \u00a0 \u00a0 \u00a0 \u00a0 \u00a0C-332-13 \u00a0 \u00a0 \u00a0 \u00a0 \u00a0 \u00a0\u00a0 Sentencia \u00a0 C-332\/13 \u00a0 \u00a0 ((Bogot\u00e1 D.C., junio 5) \u00a0 \u00a0 DEMANDA DE INCONSTITUCIONALIDAD CONTRA NORMAS SOBRE JURAMENTO ESTIMATORIO EN \u00a0 CODIGO GENERAL DEL PROCESO-Cosa juzgada constitucional respecto del \u00a0 par\u00e1grafo e inciso cuarto del art\u00edculo 206 de a Ley 1564 de 2012 \u00a0 \u00a0 COSA JUZGADA CONSTITUCIONAL-Jurisprudencia \u00a0 constitucional\/COSA JUZGADA CONSTITUCIONAL-Definici\u00f3n\/COSA JUZGADA \u00a0 CONSTITUCIONAL-Alcance\/COSA JUZGADA CONSTITUCIONAL ABSOLUTA-Concepto\/COSA JUZGADA CONSTITUCIONAL RELATIVA-Concepto \u00a0 \u00a0 En reiteradas oportunidades este tribunal ha definido a \u00a0 la cosa juzgada constitucional como \u201cel car\u00e1cter inmutable de las sentencias de \u00a0 la Corte Constitucional\u201d, ...<br \/><div class=\"pt-cv-rmwrap\"><a href=\"https:\/\/www.dmsjuridica.com\/buscador_20179478954\/corteconstitucionalcronologico202454587\/c-332-13\/\" class=\"_self pt-cv-readmore btn btn-success\" target=\"_self\">Ver Sentencia Completa...<\/a><\/div><\/div><\/div><\/div>\n<div class=\"col-md-12 col-sm-12 col-xs-12 pt-cv-content-item pt-cv-1-col\" ><div class='pt-cv-ifield'><a href=\"https:\/\/www.dmsjuridica.com\/buscador_20179478954\/corteconstitucionalcronologico202454587\/c-331-13\/\" class=\"_self pt-cv-href-thumbnail pt-cv-thumb-default\" target=\"_self\" ><\/a>\n<div class=\"pt-cv-taxoterm above_title\"><a href='https:\/\/www.dmsjuridica.com\/buscador_20179478954\/corteconstitucionalcronologico202454587\/category\/buscar-en-toda-la-corte\/2013\/sentencias-2013\/' title='Sentencias 2013' class='pt-cv-tax-sentencias-2013'>Sentencias 2013<\/a><\/div>\n<h4 class=\"pt-cv-title\"><a href=\"https:\/\/www.dmsjuridica.com\/buscador_20179478954\/corteconstitucionalcronologico202454587\/c-331-13\/\" class=\"_self\" target=\"_self\" >C-331-13<\/a><\/h4>\n<div class=\"pt-cv-content\">\u00a0 \u00a0 \u00a0 \u00a0 \u00a0 \u00a0C-331-13 \u00a0 \u00a0 \u00a0 \u00a0 \u00a0 \u00a0\u00a0 Sentencia C-331\/13 \u00a0 \u00a0 CAUSALES DE RECUSACION EN EL CODIGO DE \u00a0 PROCEDIMIENTO CIVIL-Inhibici\u00f3n \u00a0 para decidir de fondo \u00a0 \u00a0 DEMANDA DE INCONSTITUCIONALIDAD-Requisitos \u00a0 \u00a0 ACCION PUBLICA DE INCONSTITUCIONALIDAD-Necesidad de un m\u00ednimo de argumentaci\u00f3n \u00a0 \u00a0 DEMANDA DE INCONSTITUCIONALIDAD-Razones claras, ciertas, espec\u00edficas, \u00a0 pertinentes y suficientes \u00a0 \u00a0 OMISION LEGISLATIVA RELATIVA-Jurisprudencia constitucional \u00a0 \u00a0 OMISION LEGISLATIVA RELATIVA-Requisitos \u00a0 \u00a0 Por las especiales particularidades de la \u00a0 declaratoria de inconstitucionalidad de una norma por omisi\u00f3n relativa, la Corte \u00a0 ha considerado que para que exista un cargo que ...<br \/><div class=\"pt-cv-rmwrap\"><a href=\"https:\/\/www.dmsjuridica.com\/buscador_20179478954\/corteconstitucionalcronologico202454587\/c-331-13\/\" class=\"_self pt-cv-readmore btn btn-success\" target=\"_self\">Ver Sentencia Completa...<\/a><\/div><\/div><\/div><\/div>\n<div class=\"col-md-12 col-sm-12 col-xs-12 pt-cv-content-item pt-cv-1-col\" ><div class='pt-cv-ifield'><a href=\"https:\/\/www.dmsjuridica.com\/buscador_20179478954\/corteconstitucionalcronologico202454587\/c-330-13\/\" class=\"_self pt-cv-href-thumbnail pt-cv-thumb-default\" target=\"_self\" ><\/a>\n<div class=\"pt-cv-taxoterm above_title\"><a href='https:\/\/www.dmsjuridica.com\/buscador_20179478954\/corteconstitucionalcronologico202454587\/category\/buscar-en-toda-la-corte\/2013\/sentencias-2013\/' title='Sentencias 2013' class='pt-cv-tax-sentencias-2013'>Sentencias 2013<\/a><\/div>\n<h4 class=\"pt-cv-title\"><a href=\"https:\/\/www.dmsjuridica.com\/buscador_20179478954\/corteconstitucionalcronologico202454587\/c-330-13\/\" class=\"_self\" target=\"_self\" >C-330-13<\/a><\/h4>\n<div class=\"pt-cv-content\">\u00a0 \u00a0 \u00a0 \u00a0 \u00a0 \u00a0C-330-13 \u00a0 \u00a0 \u00a0 \u00a0 \u00a0 \u00a0\u00a0 Sentencia C-330\/13 \u00a0 \u00a0 REGULACION ESPECIAL E INTEGRAL DE \u00a0 PROCEDIMIENTO PENAL CUANDO SE ENCUENTRA INVOLUCRADA PERSONA CON DISCAPACIDAD-Inhibici\u00f3n para decidir de fondo \u00a0 \u00a0 ACCION PUBLICA DE INCONSTITUCIONALIDAD-Necesidad de un m\u00ednimo de argumentaci\u00f3n \u00a0 \u00a0 DEMANDA DE INCONSTITUCIONALIDAD-Razones claras, ciertas, espec\u00edficas, \u00a0 pertinentes y suficientes \u00a0 \u00a0 PRINCIPIO PRO ACTIONE-Jurisprudencia constitucional \u00a0 \u00a0 CONTROL CONSTITUCIONAL DE OMISION \u00a0 LEGISLATIVA ABSOLUTA-Incompetencia \u00a0 de la Corte Constitucional \u00a0 \u00a0 OMISION LEGISLATIVA ABSOLUTA-Jurisprudencia constitucional \u00a0 \u00a0 OMISION LEGISLATIVA RELATIVA-Jurisprudencia constitucional \u00a0 \u00a0 DEMANDA DE INCONSTITUCIONALIDAD-Inhibici\u00f3n por incumplimiento de requisitos \u00a0 ...<br \/><div class=\"pt-cv-rmwrap\"><a href=\"https:\/\/www.dmsjuridica.com\/buscador_20179478954\/corteconstitucionalcronologico202454587\/c-330-13\/\" class=\"_self pt-cv-readmore btn btn-success\" target=\"_self\">Ver Sentencia Completa...<\/a><\/div><\/div><\/div><\/div>\n<div class=\"col-md-12 col-sm-12 col-xs-12 pt-cv-content-item pt-cv-1-col\" ><div class='pt-cv-ifield'><a href=\"https:\/\/www.dmsjuridica.com\/buscador_20179478954\/corteconstitucionalcronologico202454587\/c-329-13\/\" class=\"_self pt-cv-href-thumbnail pt-cv-thumb-default\" target=\"_self\" ><\/a>\n<div class=\"pt-cv-taxoterm above_title\"><a href='https:\/\/www.dmsjuridica.com\/buscador_20179478954\/corteconstitucionalcronologico202454587\/category\/buscar-en-toda-la-corte\/2013\/sentencias-2013\/' title='Sentencias 2013' class='pt-cv-tax-sentencias-2013'>Sentencias 2013<\/a><\/div>\n<h4 class=\"pt-cv-title\"><a href=\"https:\/\/www.dmsjuridica.com\/buscador_20179478954\/corteconstitucionalcronologico202454587\/c-329-13\/\" class=\"_self\" target=\"_self\" >C-329-13<\/a><\/h4>\n<div class=\"pt-cv-content\">\u00a0 \u00a0 \u00a0 \u00a0 \u00a0 \u00a0C-329-13 \u00a0 \u00a0 \u00a0 \u00a0 \u00a0 \u00a0\u00a0 Sentencia C-329\/13 \u00a0 \u00a0 MEDIDAS ADMINISTRATIVAS \u00a0 PARA LA LUCHA CONTRA LA CORRUPCION-Fortalecimiento institucional \u00a0 de la Contralor\u00eda General de la Rep\u00fablica\/CREACION DE CARGOS DE CONTRALOR \u00a0 DELEGADO PARA ADELANTAR AUDITORIAS ESPECIALES O INVESTIGACIONES RELACIONADAS CON \u00a0 HECHOS DE IMPACTO NACIONAL-Inhibici\u00f3n para decidir de fondo \u00a0 \u00a0 DEMANDA DE \u00a0 INCONSTITUCIONALIDAD-Requisitos \u00a0 \u00a0 ACCION \u00a0 PUBLICA DE INCONSTITUCIONALIDAD-Necesidad de un m\u00ednimo de argumentaci\u00f3n \u00a0 \u00a0 DEMANDA DE \u00a0 INCONSTITUCIONALIDAD-Razones claras, ciertas, espec\u00edficas, pertinentes y \u00a0 suficientes \u00a0 \u00a0 INHIBICION DE \u00a0 LA CORTE CONSTITUCIONAL-Ineptitud sustantiva de la demanda ...<br \/><div class=\"pt-cv-rmwrap\"><a href=\"https:\/\/www.dmsjuridica.com\/buscador_20179478954\/corteconstitucionalcronologico202454587\/c-329-13\/\" class=\"_self pt-cv-readmore btn btn-success\" target=\"_self\">Ver Sentencia Completa...<\/a><\/div><\/div><\/div><\/div>\n<div class=\"col-md-12 col-sm-12 col-xs-12 pt-cv-content-item pt-cv-1-col\" ><div class='pt-cv-ifield'><a href=\"https:\/\/www.dmsjuridica.com\/buscador_20179478954\/corteconstitucionalcronologico202454587\/c-328-13\/\" class=\"_self pt-cv-href-thumbnail pt-cv-thumb-default\" target=\"_self\" ><\/a>\n<div class=\"pt-cv-taxoterm above_title\"><a href='https:\/\/www.dmsjuridica.com\/buscador_20179478954\/corteconstitucionalcronologico202454587\/category\/buscar-en-toda-la-corte\/2013\/sentencias-2013\/' title='Sentencias 2013' class='pt-cv-tax-sentencias-2013'>Sentencias 2013<\/a><\/div>\n<h4 class=\"pt-cv-title\"><a href=\"https:\/\/www.dmsjuridica.com\/buscador_20179478954\/corteconstitucionalcronologico202454587\/c-328-13\/\" class=\"_self\" target=\"_self\" >C-328-13<\/a><\/h4>\n<div class=\"pt-cv-content\">\u00a0 \u00a0 \u00a0 \u00a0 \u00a0 \u00a0C-328-13 \u00a0 \u00a0 \u00a0 \u00a0 \u00a0 \u00a0\u00a0 Sentencia C-328\/13 \u00a0 \u00a0 PROYECTO DE \u00a0 LEY SOBRE BENEFICIOS TRIBUTARIOS PARA PROPIETARIOS O POSEEDORES VICTIMAS DEL \u00a0 HURTO DE SUS VEHICULOS AUTOMOTORES-Inexequibilidad por omisi\u00f3n del \u00a0 requisito de votaci\u00f3n nominal y p\u00fablica en plenarias de las c\u00e1maras, del informe \u00a0 de objeciones gubernamentales \u00a0 \u00a0 La posibilidad de aceptar la \u00a0 alteraci\u00f3n del procedimiento legislativo o la ampliaci\u00f3n de los plazos o \u00a0 t\u00e9rminos constitucionales, legales o judiciales otorgados para subsanar errores \u00a0 en el tr\u00e1mite de un proyecto de ley, tal y como lo pretende\u00a0 el ...<br \/><div class=\"pt-cv-rmwrap\"><a href=\"https:\/\/www.dmsjuridica.com\/buscador_20179478954\/corteconstitucionalcronologico202454587\/c-328-13\/\" class=\"_self pt-cv-readmore btn btn-success\" target=\"_self\">Ver Sentencia Completa...<\/a><\/div><\/div><\/div><\/div>\n<div class=\"col-md-12 col-sm-12 col-xs-12 pt-cv-content-item pt-cv-1-col\" ><div class='pt-cv-ifield'><a href=\"https:\/\/www.dmsjuridica.com\/buscador_20179478954\/corteconstitucionalcronologico202454587\/c-319-13\/\" class=\"_self pt-cv-href-thumbnail pt-cv-thumb-default\" target=\"_self\" ><\/a>\n<div class=\"pt-cv-taxoterm above_title\"><a href='https:\/\/www.dmsjuridica.com\/buscador_20179478954\/corteconstitucionalcronologico202454587\/category\/buscar-en-toda-la-corte\/2013\/sentencias-2013\/' title='Sentencias 2013' class='pt-cv-tax-sentencias-2013'>Sentencias 2013<\/a><\/div>\n<h4 class=\"pt-cv-title\"><a href=\"https:\/\/www.dmsjuridica.com\/buscador_20179478954\/corteconstitucionalcronologico202454587\/c-319-13\/\" class=\"_self\" target=\"_self\" >C-319-13<\/a><\/h4>\n<div class=\"pt-cv-content\">\u00a0 \u00a0 \u00a0 \u00a0 \u00a0 \u00a0C-319-13 \u00a0 \u00a0 \u00a0 \u00a0 \u00a0 \u00a0\u00a0 Sentencia C-319\/13 \u00a0 \u00a0 EXCLUSION DE RECURSOS CONTRA LAS \u00a0 PROVIDENCIAS QUE SE DICTAN EN ACCION DE CUMPLIMIENTO, SALVO SENTENCIA Y AUTO QUE \u00a0 NIEGA PRUEBAS-Medida razonable y proporcionada que se \u00a0 enmarca dentro de la potestad de configuraci\u00f3n del legislador y no vulnera el \u00a0 derecho de defensa ni el acceso a la administraci\u00f3n de justicia \u00a0 \u00a0 El Pleno considera que la norma acusada es compatible \u00a0 con los derechos de contradicci\u00f3n y defensa, as\u00ed como con el derecho de acceso a \u00a0 la administraci\u00f3n de ...<br \/><div class=\"pt-cv-rmwrap\"><a href=\"https:\/\/www.dmsjuridica.com\/buscador_20179478954\/corteconstitucionalcronologico202454587\/c-319-13\/\" class=\"_self pt-cv-readmore btn btn-success\" target=\"_self\">Ver Sentencia Completa...<\/a><\/div><\/div><\/div><\/div>\n<div class=\"col-md-12 col-sm-12 col-xs-12 pt-cv-content-item pt-cv-1-col\" ><div class='pt-cv-ifield'><a href=\"https:\/\/www.dmsjuridica.com\/buscador_20179478954\/corteconstitucionalcronologico202454587\/c-318-13\/\" class=\"_self pt-cv-href-thumbnail pt-cv-thumb-default\" target=\"_self\" ><\/a>\n<div class=\"pt-cv-taxoterm above_title\"><a href='https:\/\/www.dmsjuridica.com\/buscador_20179478954\/corteconstitucionalcronologico202454587\/category\/buscar-en-toda-la-corte\/2013\/sentencias-2013\/' title='Sentencias 2013' class='pt-cv-tax-sentencias-2013'>Sentencias 2013<\/a><\/div>\n<h4 class=\"pt-cv-title\"><a href=\"https:\/\/www.dmsjuridica.com\/buscador_20179478954\/corteconstitucionalcronologico202454587\/c-318-13\/\" class=\"_self\" target=\"_self\" >C-318-13<\/a><\/h4>\n<div class=\"pt-cv-content\">Sentencia C-318\/13 \u00a0 \u00a0 PRINCIPIO DE \u00a0 OPORTUNIDAD EN PROCESOS SEGUIDOS A ADOLESCENTES COMO PARTICIPES DE DELITOS \u00a0 COMETIDOS POR GRUPOS AL MARGEN DE LA LEY EN CODIGO DE INFANCIA Y ADOLESCENCIA- Inhibici\u00f3n para decidir de fondo \u00a0 \u00a0 COSA JUZGADA \u00a0 CONSTITUCIONAL FORMAL-Configuraci\u00f3n \u00a0 \u00a0 COSA JUZGADA \u00a0 CONSTITUCIONAL MATERIAL-Configuraci\u00f3n \u00a0 \u00a0 DEMANDA DE \u00a0 INCONSTITUCIONALIDAD-Requisitos \u00a0 \u00a0 INHIBICION DE \u00a0 LA CORTE CONSTITUCIONAL-Ineptitud sustantiva de la demanda por ausencia de pertinencia \u00a0 en el cargo \u00a0 \u00a0 DEMANDA DE \u00a0 INCONSTITUCIONALIDAD-Inhibici\u00f3n para emitir un \u00a0 pronunciamiento de fondo acerca del par\u00e1grafo del art\u00edculo 175 de la Ley 1098 ...<br \/><div class=\"pt-cv-rmwrap\"><a href=\"https:\/\/www.dmsjuridica.com\/buscador_20179478954\/corteconstitucionalcronologico202454587\/c-318-13\/\" class=\"_self pt-cv-readmore btn btn-success\" target=\"_self\">Ver Sentencia Completa...<\/a><\/div><\/div><\/div><\/div>\n<div class=\"col-md-12 col-sm-12 col-xs-12 pt-cv-content-item pt-cv-1-col\" ><div class='pt-cv-ifield'><a href=\"https:\/\/www.dmsjuridica.com\/buscador_20179478954\/corteconstitucionalcronologico202454587\/c-313-13\/\" class=\"_self pt-cv-href-thumbnail pt-cv-thumb-default\" target=\"_self\" ><\/a>\n<div class=\"pt-cv-taxoterm above_title\"><a href='https:\/\/www.dmsjuridica.com\/buscador_20179478954\/corteconstitucionalcronologico202454587\/category\/buscar-en-toda-la-corte\/2013\/sentencias-2013\/' title='Sentencias 2013' class='pt-cv-tax-sentencias-2013'>Sentencias 2013<\/a><\/div>\n<h4 class=\"pt-cv-title\"><a href=\"https:\/\/www.dmsjuridica.com\/buscador_20179478954\/corteconstitucionalcronologico202454587\/c-313-13\/\" class=\"_self\" target=\"_self\" >C-313-13<\/a><\/h4>\n<div class=\"pt-cv-content\">\u00a0 \u00a0 \u00a0 \u00a0 \u00a0 \u00a0C-313-13 \u00a0 \u00a0 \u00a0 \u00a0 \u00a0 \u00a0\u00a0 Sentencia C-313\/13 \u00a0 \u00a0 PAGO ANTICIPADO EN \u00a0 OPERACIONES DE CREDITO FINANCIERO-Exequibilidad condicionada\/PAGO ANTICIPADO DE CREDITOS FINANCIEROS EN MONEDA \u00a0 NACIONAL, SIN NINGUN TIPO DE PENALIZACION O COMPENSACION-Se aplica \u00a0 tambi\u00e9n a los cr\u00e9ditos adquiridos con anterioridad al 9 de julio de 2012 \u00a0 \u00a0 Establecida la vulneraci\u00f3n del mandato de igualdad, pareciera pertinente \u00a0 declarar la inexequibilidad del texto acusado, sin embargo, advierte el Tribunal \u00a0 Constitucional que el beneficio en s\u00ed mismo, no ri\u00f1e con la Carta. Lo que \u00a0 resulta inconstitucional es la sustracci\u00f3n de ...<br \/><div class=\"pt-cv-rmwrap\"><a href=\"https:\/\/www.dmsjuridica.com\/buscador_20179478954\/corteconstitucionalcronologico202454587\/c-313-13\/\" class=\"_self pt-cv-readmore btn btn-success\" target=\"_self\">Ver Sentencia Completa...<\/a><\/div><\/div><\/div><\/div>\n<div class=\"col-md-12 col-sm-12 col-xs-12 pt-cv-content-item pt-cv-1-col\" ><div class='pt-cv-ifield'><a href=\"https:\/\/www.dmsjuridica.com\/buscador_20179478954\/corteconstitucionalcronologico202454587\/c-307-13\/\" class=\"_self pt-cv-href-thumbnail pt-cv-thumb-default\" target=\"_self\" ><\/a>\n<div class=\"pt-cv-taxoterm above_title\"><a href='https:\/\/www.dmsjuridica.com\/buscador_20179478954\/corteconstitucionalcronologico202454587\/category\/buscar-en-toda-la-corte\/2013\/sentencias-2013\/' title='Sentencias 2013' class='pt-cv-tax-sentencias-2013'>Sentencias 2013<\/a><\/div>\n<h4 class=\"pt-cv-title\"><a href=\"https:\/\/www.dmsjuridica.com\/buscador_20179478954\/corteconstitucionalcronologico202454587\/c-307-13\/\" class=\"_self\" target=\"_self\" >C-307-13<\/a><\/h4>\n<div class=\"pt-cv-content\">\u00a0 \u00a0 \u00a0 \u00a0 \u00a0 \u00a0C-307-13 \u00a0 \u00a0 \u00a0 \u00a0 \u00a0 \u00a0\u00a0 Sentencia C-307\/13 \u00a0 \u00a0 (Bogot\u00e1 D.C., mayo 22 \u00a0 de 2013) \u00a0 \u00a0 PROYECTO DE LEY QUE RECONOCE Y \u00a0 REGLAMENTA COMO PROFESION LA ACTIVIDAD DE ENTRENADOR DEPORTIVO-No \u00a0 vulnera la libertad de ejercer una profesi\u00f3n, arte u oficio \u00a0 \u00a0 La Corte considera que el proyecto de ley n\u00famero 180\/11 Senado, 248\/11 de C\u00e1mara \u201cpor la cual se \u00a0 reconoce y reglamenta el ejercicio de la profesi\u00f3n del (la) entrenador (ra) \u00a0 deportivo (va) y se dictan otras disposiciones\u201d, no vulnera el 26 CP. por cuanto: (i) ...<br \/><div class=\"pt-cv-rmwrap\"><a href=\"https:\/\/www.dmsjuridica.com\/buscador_20179478954\/corteconstitucionalcronologico202454587\/c-307-13\/\" class=\"_self pt-cv-readmore btn btn-success\" target=\"_self\">Ver Sentencia Completa...<\/a><\/div><\/div><\/div><\/div>\n<div class=\"col-md-12 col-sm-12 col-xs-12 pt-cv-content-item pt-cv-1-col\" ><div class='pt-cv-ifield'><a href=\"https:\/\/www.dmsjuridica.com\/buscador_20179478954\/corteconstitucionalcronologico202454587\/c-306-13\/\" class=\"_self pt-cv-href-thumbnail pt-cv-thumb-default\" target=\"_self\" ><\/a>\n<div class=\"pt-cv-taxoterm above_title\"><a href='https:\/\/www.dmsjuridica.com\/buscador_20179478954\/corteconstitucionalcronologico202454587\/category\/buscar-en-toda-la-corte\/2013\/sentencias-2013\/' title='Sentencias 2013' class='pt-cv-tax-sentencias-2013'>Sentencias 2013<\/a><\/div>\n<h4 class=\"pt-cv-title\"><a href=\"https:\/\/www.dmsjuridica.com\/buscador_20179478954\/corteconstitucionalcronologico202454587\/c-306-13\/\" class=\"_self\" target=\"_self\" >C-306-13<\/a><\/h4>\n<div class=\"pt-cv-content\">\u00a0 \u00a0 \u00a0 \u00a0 \u00a0 \u00a0C-306-13 \u00a0 \u00a0 \u00a0 \u00a0 \u00a0 \u00a0\u00a0 Sentencia C-306\/13 \u00a0 \u00a0 INDEMNIZACION POR EXPROPIACION-Condici\u00f3n de registro de la sentencia de expropiaci\u00f3n y del \u00a0 acta de entrega no desconocen la exigencia constitucional de que la \u00a0 indemnizaci\u00f3n al propietario del bien expropiado, debe ser previa a la entrega \u00a0 del mismo \u00a0 \u00a0 Con la demanda que resuelve la Corte contra un segmento del art\u00edculo 458 del \u00a0 C\u00f3digo de Procedimiento Civil, se plante\u00f3 la vulneraci\u00f3n del art\u00edculo 58 de \u00a0 Constituci\u00f3n, al establecer una indemnizaci\u00f3n posterior y no previa a ra\u00edz de la \u00a0 ...<br \/><div class=\"pt-cv-rmwrap\"><a href=\"https:\/\/www.dmsjuridica.com\/buscador_20179478954\/corteconstitucionalcronologico202454587\/c-306-13\/\" class=\"_self pt-cv-readmore btn btn-success\" target=\"_self\">Ver Sentencia Completa...<\/a><\/div><\/div><\/div><\/div>\n<div class=\"col-md-12 col-sm-12 col-xs-12 pt-cv-content-item pt-cv-1-col\" ><div class='pt-cv-ifield'><a href=\"https:\/\/www.dmsjuridica.com\/buscador_20179478954\/corteconstitucionalcronologico202454587\/c-305-13\/\" class=\"_self pt-cv-href-thumbnail pt-cv-thumb-default\" target=\"_self\" ><\/a>\n<div class=\"pt-cv-taxoterm above_title\"><a href='https:\/\/www.dmsjuridica.com\/buscador_20179478954\/corteconstitucionalcronologico202454587\/category\/buscar-en-toda-la-corte\/2013\/sentencias-2013\/' title='Sentencias 2013' class='pt-cv-tax-sentencias-2013'>Sentencias 2013<\/a><\/div>\n<h4 class=\"pt-cv-title\"><a href=\"https:\/\/www.dmsjuridica.com\/buscador_20179478954\/corteconstitucionalcronologico202454587\/c-305-13\/\" class=\"_self\" target=\"_self\" >C-305-13<\/a><\/h4>\n<div class=\"pt-cv-content\">\u00a0 \u00a0 \u00a0 \u00a0 \u00a0 \u00a0C-305-13 \u00a0 \u00a0 \u00a0 \u00a0 \u00a0 \u00a0\u00a0 Sentencia C-305\/13 \u00a0 \u00a0 ESTATUTO DE ARBITRAJE \u00a0 NACIONAL E INTERNACIONAL-Designaci\u00f3n de \u00e1rbitros y secretarios\/ESTATUTO DE ARBITRAJE \u00a0 NACIONAL E INTERNACIONAL-Impedimentos de \u00e1rbitros o secretarios\/ESTATUTO \u00a0 DE ARBITRAJE NACIONAL E INTERNACIONAL-Deber de informaci\u00f3n a cargo de persona designada \u00a0 \u00e1rbitro o secretario de tribunal de arbitramento \u00a0 \u00a0 LIMITACIONES E INHABILIDADES PARA DESEMPE\u00d1ARSE COMO \u00a0 ARBITRO O SECRETARIO DE TRIBUNALES DE ARBITRAMENTO EN LOS QUE SEA PARTE UNA \u00a0 ENTIDAD PUBLICA O DE QUIEN EJERCE FUNCIONES ADMINISTRATIVAS-No configura \u00a0 un desconocimiento de los derechos a la igualdad y ...<br \/><div class=\"pt-cv-rmwrap\"><a href=\"https:\/\/www.dmsjuridica.com\/buscador_20179478954\/corteconstitucionalcronologico202454587\/c-305-13\/\" class=\"_self pt-cv-readmore btn btn-success\" target=\"_self\">Ver Sentencia Completa...<\/a><\/div><\/div><\/div><\/div>\n<div class=\"col-md-12 col-sm-12 col-xs-12 pt-cv-content-item pt-cv-1-col\" ><div class='pt-cv-ifield'><a href=\"https:\/\/www.dmsjuridica.com\/buscador_20179478954\/corteconstitucionalcronologico202454587\/c-304-13\/\" class=\"_self pt-cv-href-thumbnail pt-cv-thumb-default\" target=\"_self\" ><\/a>\n<div class=\"pt-cv-taxoterm above_title\"><a href='https:\/\/www.dmsjuridica.com\/buscador_20179478954\/corteconstitucionalcronologico202454587\/category\/buscar-en-toda-la-corte\/2013\/sentencias-2013\/' title='Sentencias 2013' class='pt-cv-tax-sentencias-2013'>Sentencias 2013<\/a><\/div>\n<h4 class=\"pt-cv-title\"><a href=\"https:\/\/www.dmsjuridica.com\/buscador_20179478954\/corteconstitucionalcronologico202454587\/c-304-13\/\" class=\"_self\" target=\"_self\" >C-304-13<\/a><\/h4>\n<div class=\"pt-cv-content\">\u00a0 \u00a0 \u00a0 \u00a0 \u00a0 \u00a0C-304-13 \u00a0 \u00a0 \u00a0 \u00a0 \u00a0 \u00a0\u00a0 Sentencia C-304\/13 \u00a0 \u00a0 DEMANDA DE \u00a0 INCONSTITUCIONALIDAD SOBRE INTERPRETACION DE NORMAS TRIBUTARIAS EN MATERIA DE \u00a0 IMPUESTO AL PATRIMONIO POR PARTE DE TRIBUNALES Y LA DIAN-Inhibici\u00f3n para emitir un \u00a0 pronunciamiento de fondo \u00a0 \u00a0 La Corte reitera que si bien es cierto \u00a0 que, excepcionalmente, el control de constitucionalidad puede ejercerse sobre \u00a0 interpretaciones de los \u00f3rganos judiciales o administrativos, tambi\u00e9n lo es que, \u00a0 en aras de preservar la autonom\u00eda de los jueces y el respeto del principio de \u00a0 legalidad de la competencia, los ...<br \/><div class=\"pt-cv-rmwrap\"><a href=\"https:\/\/www.dmsjuridica.com\/buscador_20179478954\/corteconstitucionalcronologico202454587\/c-304-13\/\" class=\"_self pt-cv-readmore btn btn-success\" target=\"_self\">Ver Sentencia Completa...<\/a><\/div><\/div><\/div><\/div>\n<div class=\"col-md-12 col-sm-12 col-xs-12 pt-cv-content-item pt-cv-1-col\" ><div class='pt-cv-ifield'><a href=\"https:\/\/www.dmsjuridica.com\/buscador_20179478954\/corteconstitucionalcronologico202454587\/c-303-13\/\" class=\"_self pt-cv-href-thumbnail pt-cv-thumb-default\" target=\"_self\" ><\/a>\n<div class=\"pt-cv-taxoterm above_title\"><a href='https:\/\/www.dmsjuridica.com\/buscador_20179478954\/corteconstitucionalcronologico202454587\/category\/buscar-en-toda-la-corte\/2013\/sentencias-2013\/' title='Sentencias 2013' class='pt-cv-tax-sentencias-2013'>Sentencias 2013<\/a><\/div>\n<h4 class=\"pt-cv-title\"><a href=\"https:\/\/www.dmsjuridica.com\/buscador_20179478954\/corteconstitucionalcronologico202454587\/c-303-13\/\" class=\"_self\" target=\"_self\" >C-303-13<\/a><\/h4>\n<div class=\"pt-cv-content\">\u00a0 \u00a0 \u00a0 \u00a0 \u00a0 \u00a0C-303-13 \u00a0 \u00a0 \u00a0 \u00a0 \u00a0 \u00a0\u00a0 Sentencia C-303\/13 \u00a0 \u00a0 AUDIENCIA DE IMPUTACION DE CARGOS Y CONSECUENCIAS DE \u00a0 ACEPTACION CONDICIONAL DE RESPONSABILIDAD PENAL-Exequibilidad \u00a0 \u00a0 En primer lugar, el actor demanda la \u00a0 expresi\u00f3n \u201ccomunica\u201d, contenida en el Art\u00edculo 286 del C.P.P., ya que a su \u00a0 juicio, el car\u00e1cter meramente informativo de la audiencia de formulaci\u00f3n de la \u00a0 imputaci\u00f3n limita injustificadamente el derecho de defensa de los presuntos \u00a0 infractores de la ley penal, quienes en la audiencia \u00fanicamente juegan un rol \u00a0 pasivo y no pueden, ni controvertir el acto ...<br \/><div class=\"pt-cv-rmwrap\"><a href=\"https:\/\/www.dmsjuridica.com\/buscador_20179478954\/corteconstitucionalcronologico202454587\/c-303-13\/\" class=\"_self pt-cv-readmore btn btn-success\" target=\"_self\">Ver Sentencia Completa...<\/a><\/div><\/div><\/div><\/div>\n<div class=\"col-md-12 col-sm-12 col-xs-12 pt-cv-content-item pt-cv-1-col\" ><div class='pt-cv-ifield'><a href=\"https:\/\/www.dmsjuridica.com\/buscador_20179478954\/corteconstitucionalcronologico202454587\/c-282-13\/\" class=\"_self pt-cv-href-thumbnail pt-cv-thumb-default\" target=\"_self\" ><\/a>\n<div class=\"pt-cv-taxoterm above_title\"><a href='https:\/\/www.dmsjuridica.com\/buscador_20179478954\/corteconstitucionalcronologico202454587\/category\/buscar-en-toda-la-corte\/2013\/sentencias-2013\/' title='Sentencias 2013' class='pt-cv-tax-sentencias-2013'>Sentencias 2013<\/a><\/div>\n<h4 class=\"pt-cv-title\"><a href=\"https:\/\/www.dmsjuridica.com\/buscador_20179478954\/corteconstitucionalcronologico202454587\/c-282-13\/\" class=\"_self\" target=\"_self\" >C-282-13<\/a><\/h4>\n<div class=\"pt-cv-content\">\u00a0 \u00a0 \u00a0 \u00a0 \u00a0 \u00a0C-282-13 \u00a0 \u00a0 \u00a0 \u00a0 \u00a0 \u00a0\u00a0 Sentencia C-282\/13 \u00a0 \u00a0 LEY QUE \u00a0 TIPIFICA LOS ACTOS DE RACISMO O DISCRIMINACION EN EL CODIGO PENAL-Inhibici\u00f3n para decidir de \u00a0 fondo \u00a0 \u00a0 INHIBICION DE LA CORTE CONSTITUCIONAL \u00a0 POR INEPTITUD SUSTANTIVA DE LA DEMANDA-Incumplimiento de requisitos de certeza, pertinencia y \u00a0 suficiencia en los cargos \u00a0 \u00a0 ACCION PUBLICA DE INCONSTITUCIONALIDAD-Naturaleza \u00a0 \u00a0 La naturaleza de esta acci\u00f3n se explica por la supremac\u00eda de la Carta \u00a0 Pol\u00edtica, pues como este mecanismo tiene por objeto garantizar \u00a0 jurisdiccionalmente su prevalencia sobre las dem\u00e1s normas que ...<br \/><div class=\"pt-cv-rmwrap\"><a href=\"https:\/\/www.dmsjuridica.com\/buscador_20179478954\/corteconstitucionalcronologico202454587\/c-282-13\/\" class=\"_self pt-cv-readmore btn btn-success\" target=\"_self\">Ver Sentencia Completa...<\/a><\/div><\/div><\/div><\/div>\n<div class=\"col-md-12 col-sm-12 col-xs-12 pt-cv-content-item pt-cv-1-col\" ><div class='pt-cv-ifield'><a href=\"https:\/\/www.dmsjuridica.com\/buscador_20179478954\/corteconstitucionalcronologico202454587\/c-281-13\/\" class=\"_self pt-cv-href-thumbnail pt-cv-thumb-default\" target=\"_self\" ><\/a>\n<div class=\"pt-cv-taxoterm above_title\"><a href='https:\/\/www.dmsjuridica.com\/buscador_20179478954\/corteconstitucionalcronologico202454587\/category\/buscar-en-toda-la-corte\/2013\/sentencias-2013\/' title='Sentencias 2013' class='pt-cv-tax-sentencias-2013'>Sentencias 2013<\/a><\/div>\n<h4 class=\"pt-cv-title\"><a href=\"https:\/\/www.dmsjuridica.com\/buscador_20179478954\/corteconstitucionalcronologico202454587\/c-281-13\/\" class=\"_self\" target=\"_self\" >C-281-13<\/a><\/h4>\n<div class=\"pt-cv-content\">\u00a0 \u00a0 \u00a0 \u00a0 \u00a0 \u00a0C-281-13 \u00a0 \u00a0 \u00a0 \u00a0 \u00a0 \u00a0\u00a0 \u00a0Sentencia C-281\/13 \u00a0 \u00a0 (Bogot\u00e1 D.C., mayo 15 de 2013) \u00a0 \u00a0 TERMINO DE PRESCRIPCION E INTERRUPCION Y \u00a0 SUSPENSION DEL TERMINO PRESCRIPTIVO DE LA ACCION PENAL-Inhibici\u00f3n para emitir \u00a0 un pronunciamiento de fondo \u00a0 \u00a0 CODIGO PENAL-T\u00e9rmino de la prescripci\u00f3n de la acci\u00f3n penal \u00a0 \u00a0 CODIGO PENAL-Interrupci\u00f3n y suspensi\u00f3n del t\u00e9rmino de la prescripci\u00f3n de la \u00a0 acci\u00f3n penal\u00a0 \u00a0 \u00a0 DEMANDA DE INCONSTITUCIONALIDAD-Requisitos\/DEMANDA DE INCONSTITUCIONALIDAD-Requisitos de claridad, certeza, especificidad, pertinencia y \u00a0 suficiencia \u00a0 \u00a0 DEMANDA DE INCONSTITUCIONALIDAD-Jurisprudencia constitucional sobre \u00a0 oportunidad procesal para definir ...<br \/><div class=\"pt-cv-rmwrap\"><a href=\"https:\/\/www.dmsjuridica.com\/buscador_20179478954\/corteconstitucionalcronologico202454587\/c-281-13\/\" class=\"_self pt-cv-readmore btn btn-success\" target=\"_self\">Ver Sentencia Completa...<\/a><\/div><\/div><\/div><\/div>\n<div class=\"col-md-12 col-sm-12 col-xs-12 pt-cv-content-item pt-cv-1-col\" ><div class='pt-cv-ifield'><a href=\"https:\/\/www.dmsjuridica.com\/buscador_20179478954\/corteconstitucionalcronologico202454587\/c-280-13\/\" class=\"_self pt-cv-href-thumbnail pt-cv-thumb-default\" target=\"_self\" ><\/a>\n<div class=\"pt-cv-taxoterm above_title\"><a href='https:\/\/www.dmsjuridica.com\/buscador_20179478954\/corteconstitucionalcronologico202454587\/category\/buscar-en-toda-la-corte\/2013\/sentencias-2013\/' title='Sentencias 2013' class='pt-cv-tax-sentencias-2013'>Sentencias 2013<\/a><\/div>\n<h4 class=\"pt-cv-title\"><a href=\"https:\/\/www.dmsjuridica.com\/buscador_20179478954\/corteconstitucionalcronologico202454587\/c-280-13\/\" class=\"_self\" target=\"_self\" >C-280-13<\/a><\/h4>\n<div class=\"pt-cv-content\">\u00a0 \u00a0 \u00a0 \u00a0 \u00a0 \u00a0C-280-13 \u00a0 \u00a0 \u00a0 \u00a0 \u00a0 \u00a0\u00a0 Sentencia C-280\/13 \u00a0 \u00a0 MEDIDAS DE ATENCION, ASISTENCIA Y REPARACION INTEGRAL A \u00a0 LAS VICTIMAS DEL CONFLICTO ARMADO INTERNO-Cosa juzgada constitucional respecto de la expresi\u00f3n \u201cocurridas con \u00a0 ocasi\u00f3n del conflicto armado interno\u201d, contenida en el art\u00edculo 3 de la ley 1448 \u00a0 de 2011 \u00a0 \u00a0 LEY DE VICTIMAS-Contenido y alcance\/MEDIDAS DE ATENCION, ASISTENCIA Y REPARACION \u00a0 INTEGRAL A LAS VICTIMAS DEL CONFLICTO ARMADO INTERNO-Alcance\/LEY DE \u00a0 VICTIMAS-Instrumento de justicia transicional\/MEDIDAS PARA ALIVIAR EL \u00a0 DESPLAZAMIENTO FORZADO Y POSIBILIDAD DE RETORNO A LAS TIERRAS DESPOJADAS-Instrumentos \u00a0 internacionales\/PRINCIPIOS ...<br \/><div class=\"pt-cv-rmwrap\"><a href=\"https:\/\/www.dmsjuridica.com\/buscador_20179478954\/corteconstitucionalcronologico202454587\/c-280-13\/\" class=\"_self pt-cv-readmore btn btn-success\" target=\"_self\">Ver Sentencia Completa...<\/a><\/div><\/div><\/div><\/div>\n<div class=\"col-md-12 col-sm-12 col-xs-12 pt-cv-content-item pt-cv-1-col\" ><div class='pt-cv-ifield'><a href=\"https:\/\/www.dmsjuridica.com\/buscador_20179478954\/corteconstitucionalcronologico202454587\/c-279-13\/\" class=\"_self pt-cv-href-thumbnail pt-cv-thumb-default\" target=\"_self\" ><\/a>\n<div class=\"pt-cv-taxoterm above_title\"><a href='https:\/\/www.dmsjuridica.com\/buscador_20179478954\/corteconstitucionalcronologico202454587\/category\/buscar-en-toda-la-corte\/2013\/sentencias-2013\/' title='Sentencias 2013' class='pt-cv-tax-sentencias-2013'>Sentencias 2013<\/a><\/div>\n<h4 class=\"pt-cv-title\"><a href=\"https:\/\/www.dmsjuridica.com\/buscador_20179478954\/corteconstitucionalcronologico202454587\/c-279-13\/\" class=\"_self\" target=\"_self\" >C-279-13<\/a><\/h4>\n<div class=\"pt-cv-content\">\u00a0 \u00a0 \u00a0 \u00a0 \u00a0 \u00a0C-279-13 \u00a0 \u00a0 \u00a0 \u00a0 \u00a0 \u00a0\u00a0 Sentencia \u00a0 C-279\/13 \u00a0 \u00a0 DEMANDA DE INCONSTITUCIONALIDAD CONTRA NORMA SOBRE \u00a0 JURAMENTO ESTIMATORIO EN CODIGO GENERAL DEL PROCESO-Procedencia por cumplimiento de requisitos \u00a0 \u00a0 En el presente caso en que se demanda el art\u00edculo 206 de la Ley 1564 de 2012, el \u00a0 actor indic\u00f3 con precisi\u00f3n el objeto demandado; se\u00f1al\u00f3 las razones por las \u00a0 cuales la Corte Constitucional es competente; y explic\u00f3 el concepto de la \u00a0 violaci\u00f3n al expresar que la exigencia de la realizaci\u00f3n de juramento \u00a0 estimatorio como requisito para la admisi\u00f3n ...<br \/><div class=\"pt-cv-rmwrap\"><a href=\"https:\/\/www.dmsjuridica.com\/buscador_20179478954\/corteconstitucionalcronologico202454587\/c-279-13\/\" class=\"_self pt-cv-readmore btn btn-success\" target=\"_self\">Ver Sentencia Completa...<\/a><\/div><\/div><\/div><\/div>\n<div class=\"col-md-12 col-sm-12 col-xs-12 pt-cv-content-item pt-cv-1-col\" ><div class='pt-cv-ifield'><a href=\"https:\/\/www.dmsjuridica.com\/buscador_20179478954\/corteconstitucionalcronologico202454587\/c-274-13\/\" class=\"_self pt-cv-href-thumbnail pt-cv-thumb-default\" target=\"_self\" ><\/a>\n<div class=\"pt-cv-taxoterm above_title\"><a href='https:\/\/www.dmsjuridica.com\/buscador_20179478954\/corteconstitucionalcronologico202454587\/category\/buscar-en-toda-la-corte\/2013\/sentencias-2013\/' title='Sentencias 2013' class='pt-cv-tax-sentencias-2013'>Sentencias 2013<\/a><\/div>\n<h4 class=\"pt-cv-title\"><a href=\"https:\/\/www.dmsjuridica.com\/buscador_20179478954\/corteconstitucionalcronologico202454587\/c-274-13\/\" class=\"_self\" target=\"_self\" >C-274-13<\/a><\/h4>\n<div class=\"pt-cv-content\">\u00a0 \u00a0 \u00a0 \u00a0 \u00a0 \u00a0C-274-13 \u00a0 \u00a0 \u00a0 \u00a0 \u00a0 \u00a0\u00a0 NOTAS DE RELATORIA: Mediante Auto 038 de fecha \u00a0 11 de febrero de 2015, el cual se anexa en la parte final de esta providencia, \u00a0 se corrige \u00a0el numeral octavo de su parte resolutiva. \u00a0 \u00a0 \u00a0 Mediante Auto 354 de fecha 9 de agosto de \u00a0 2015, el cual se anexa en la parte final de esta providencia, se corrige el \u00a0 literal b) del numeral octavo de su parte resolutiva \u00a0 \u00a0 DERECHO DE ACCESO A LA INFORMACION PUBLICA-Contenido y alcance \u00a0 \u00a0 Es\u00a0 \u00a0 ...<br \/><div class=\"pt-cv-rmwrap\"><a href=\"https:\/\/www.dmsjuridica.com\/buscador_20179478954\/corteconstitucionalcronologico202454587\/c-274-13\/\" class=\"_self pt-cv-readmore btn btn-success\" target=\"_self\">Ver Sentencia Completa...<\/a><\/div><\/div><\/div><\/div>\n<div class=\"col-md-12 col-sm-12 col-xs-12 pt-cv-content-item pt-cv-1-col\" ><div class='pt-cv-ifield'><a href=\"https:\/\/www.dmsjuridica.com\/buscador_20179478954\/corteconstitucionalcronologico202454587\/c-264-13\/\" class=\"_self pt-cv-href-thumbnail pt-cv-thumb-default\" target=\"_self\" ><\/a>\n<div class=\"pt-cv-taxoterm above_title\"><a href='https:\/\/www.dmsjuridica.com\/buscador_20179478954\/corteconstitucionalcronologico202454587\/category\/buscar-en-toda-la-corte\/2013\/sentencias-2013\/' title='Sentencias 2013' class='pt-cv-tax-sentencias-2013'>Sentencias 2013<\/a><\/div>\n<h4 class=\"pt-cv-title\"><a href=\"https:\/\/www.dmsjuridica.com\/buscador_20179478954\/corteconstitucionalcronologico202454587\/c-264-13\/\" class=\"_self\" target=\"_self\" >C-264-13<\/a><\/h4>\n<div class=\"pt-cv-content\">\u00a0 \u00a0 \u00a0 \u00a0 \u00a0 \u00a0C-264-13 \u00a0 \u00a0 \u00a0 \u00a0 \u00a0 \u00a0\u00a0 Sentencia C-264\/13 \u00a0 \u00a0 (Bogot\u00e1 D.C., mayo 8 de 2013) \u00a0 \u00a0 NORMAS TRIBUTARIAS DE CONTROL Y PARA LA COMPETITIVIDAD-Medios \u00a0 de pago para efectos de la aceptaci\u00f3n de costos, deducciones, pasivos e \u00a0 impuestos descontables \u00a0 \u00a0 OBLIGATORIEDAD DE UTILIZAR INSTRUMENTOS BANCARIOS DE \u00a0 PAGO PARA OBTENER BENEFICIOS TRIBUTARIOS-Constituye un l\u00edmite a la libertad econ\u00f3mica y de \u00a0 empresa que se ajusta a la constituci\u00f3n, por no afectar su n\u00facleo esencial \u00a0 \u00a0 Al analizar el art\u00edculo 771-5 del Estatuto Tributario a la luz de las \u00a0 ...<br \/><div class=\"pt-cv-rmwrap\"><a href=\"https:\/\/www.dmsjuridica.com\/buscador_20179478954\/corteconstitucionalcronologico202454587\/c-264-13\/\" class=\"_self pt-cv-readmore btn btn-success\" target=\"_self\">Ver Sentencia Completa...<\/a><\/div><\/div><\/div><\/div>\n<div class=\"col-md-12 col-sm-12 col-xs-12 pt-cv-content-item pt-cv-1-col\" ><div class='pt-cv-ifield'><a href=\"https:\/\/www.dmsjuridica.com\/buscador_20179478954\/corteconstitucionalcronologico202454587\/c-263-13\/\" class=\"_self pt-cv-href-thumbnail pt-cv-thumb-default\" target=\"_self\" ><\/a>\n<div class=\"pt-cv-taxoterm above_title\"><a href='https:\/\/www.dmsjuridica.com\/buscador_20179478954\/corteconstitucionalcronologico202454587\/category\/buscar-en-toda-la-corte\/2013\/sentencias-2013\/' title='Sentencias 2013' class='pt-cv-tax-sentencias-2013'>Sentencias 2013<\/a><\/div>\n<h4 class=\"pt-cv-title\"><a href=\"https:\/\/www.dmsjuridica.com\/buscador_20179478954\/corteconstitucionalcronologico202454587\/c-263-13\/\" class=\"_self\" target=\"_self\" >C-263-13<\/a><\/h4>\n<div class=\"pt-cv-content\">\u00a0 \u00a0 \u00a0 \u00a0 \u00a0 \u00a0C-263-13 \u00a0 \u00a0 \u00a0 \u00a0 \u00a0 \u00a0\u00a0 Sentencia C-263\/13 \u00a0 \u00a0 FACULTAD DE \u00a0 COMISIONES DE REGULACION SERVICIOS PUBLICOS DOMICILIARIOS PARA FIJAR REGLAS DE \u00a0 COMPORTAMIENTO DIFERENCIAL, SEGUN POSICION DE EMPRESAS EN EL MERCADO-No \u00a0 vulnera la reserva de ley, los principios democr\u00e1tico y participativo, ni los \u00a0 derechos de igualdad y debido proceso \u00a0 \u00a0 COMISIONES \u00a0 DE REGULACION-Funciones especiales \u00a0 \u00a0 SERVICIOS \u00a0 PUBLICOS-Marco constitucional\/ECONOMIA SOCIAL DE MERCADO-Jurisprudencia \u00a0 constitucional\/ECONOMIA SOCIAL DE MERCADO-Modelo adoptado en la \u00a0 Constituci\u00f3n Pol\u00edtica\/ECONOMIA SOCIAL DE MERCADO-Significado \u00a0 \u00a0 MECANISMOS \u00a0 DE INTERVENCION DEL ESTADO EN LA ECONOMIA-Jurisprudencia ...<br \/><div class=\"pt-cv-rmwrap\"><a href=\"https:\/\/www.dmsjuridica.com\/buscador_20179478954\/corteconstitucionalcronologico202454587\/c-263-13\/\" class=\"_self pt-cv-readmore btn btn-success\" target=\"_self\">Ver Sentencia Completa...<\/a><\/div><\/div><\/div><\/div>\n<div class=\"col-md-12 col-sm-12 col-xs-12 pt-cv-content-item pt-cv-1-col\" ><div class='pt-cv-ifield'><a href=\"https:\/\/www.dmsjuridica.com\/buscador_20179478954\/corteconstitucionalcronologico202454587\/c-262-13\/\" class=\"_self pt-cv-href-thumbnail pt-cv-thumb-default\" target=\"_self\" ><\/a>\n<div class=\"pt-cv-taxoterm above_title\"><a href='https:\/\/www.dmsjuridica.com\/buscador_20179478954\/corteconstitucionalcronologico202454587\/category\/buscar-en-toda-la-corte\/2013\/sentencias-2013\/' title='Sentencias 2013' class='pt-cv-tax-sentencias-2013'>Sentencias 2013<\/a><\/div>\n<h4 class=\"pt-cv-title\"><a href=\"https:\/\/www.dmsjuridica.com\/buscador_20179478954\/corteconstitucionalcronologico202454587\/c-262-13\/\" class=\"_self\" target=\"_self\" >C-262-13<\/a><\/h4>\n<div class=\"pt-cv-content\">\u00a0 \u00a0 \u00a0 \u00a0 \u00a0 \u00a0C-262-13 \u00a0 \u00a0 \u00a0 \u00a0 \u00a0 \u00a0\u00a0 \u00a0Sentencia C-262\/13 \u00a0 \u00a0 GASTOS DE \u00a0 ADMINISTRACION DE LAS ENTIDADES PROMOTORAS DE SALUD-Prohibici\u00f3n \u00a0 de utilizar recursos del sector salud para adquirir activos fijos o en \u00a0 actividades distintas a la prestaci\u00f3n de servicios de salud\/RECURSOS QUE \u00a0 ADMINISTRAN LAS ENTIDADES PROMOTORAS DE SALUD-Destinaci\u00f3n exclusiva a \u00a0 la prestaci\u00f3n de servicios de salud\u00a0 \u00a0 \u00a0 SISTEMA DE \u00a0 SEGURIDAD SOCIAL EN SALUD-Participaci\u00f3n de \u00a0 particulares\u00a0 \u00a0 \u00a0 El art\u00edculo 48 constitucional permite que \u00a0 los particulares acompa\u00f1en al Estado en la prestaci\u00f3n del servicio. As\u00ed, este \u00a0 ...<br \/><div class=\"pt-cv-rmwrap\"><a href=\"https:\/\/www.dmsjuridica.com\/buscador_20179478954\/corteconstitucionalcronologico202454587\/c-262-13\/\" class=\"_self pt-cv-readmore btn btn-success\" target=\"_self\">Ver Sentencia Completa...<\/a><\/div><\/div><\/div><\/div>\n<div class=\"col-md-12 col-sm-12 col-xs-12 pt-cv-content-item pt-cv-1-col\" ><div class='pt-cv-ifield'><a href=\"https:\/\/www.dmsjuridica.com\/buscador_20179478954\/corteconstitucionalcronologico202454587\/c-258-13\/\" class=\"_self pt-cv-href-thumbnail pt-cv-thumb-default\" target=\"_self\" ><\/a>\n<div class=\"pt-cv-taxoterm above_title\"><a href='https:\/\/www.dmsjuridica.com\/buscador_20179478954\/corteconstitucionalcronologico202454587\/category\/buscar-en-toda-la-corte\/2013\/sentencias-2013\/' title='Sentencias 2013' class='pt-cv-tax-sentencias-2013'>Sentencias 2013<\/a><\/div>\n<h4 class=\"pt-cv-title\"><a href=\"https:\/\/www.dmsjuridica.com\/buscador_20179478954\/corteconstitucionalcronologico202454587\/c-258-13\/\" class=\"_self\" target=\"_self\" >C-258-13<\/a><\/h4>\n<div class=\"pt-cv-content\">\u00a0 \u00a0 \u00a0 \u00a0 \u00a0 \u00a0C-258-13 \u00a0 \u00a0 \u00a0 \u00a0 \u00a0 \u00a0\u00a0 Sentencia C-258\/13 \u00a0 \u00a0 REGIMEN DE TRANSICION EN PENSIONES A \u00a0 CONGRESISTAS, MAGISTRADOS DE ALTAS CORTES Y OTROS ALTOS FUNCIONARIOS A LOS QUE \u00a0 RESULTA APLICABLE-Inexequibilidad \u00a0 de expresiones \u201cdurante el \u00faltimo a\u00f1o y por todo concepto\u201d, \u201cy se aumentar\u00e1n en \u00a0 el mismo porcentaje en que se reajuste el salario m\u00ednimo legal\u201d contenidas en \u00a0 primer inciso del art\u00edculo 17 de la ley 4 de 1992 y la expresi\u00f3n \u201cpor todo \u00a0 concepto\u201d, contenida en su par\u00e1grafo \u00a0 \u00a0 Resultan inexequibles algunas expresiones del art\u00edculo \u00a0 17 ...<br \/><div class=\"pt-cv-rmwrap\"><a href=\"https:\/\/www.dmsjuridica.com\/buscador_20179478954\/corteconstitucionalcronologico202454587\/c-258-13\/\" class=\"_self pt-cv-readmore btn btn-success\" target=\"_self\">Ver Sentencia Completa...<\/a><\/div><\/div><\/div><\/div>\n<div class=\"col-md-12 col-sm-12 col-xs-12 pt-cv-content-item pt-cv-1-col\" ><div class='pt-cv-ifield'><a href=\"https:\/\/www.dmsjuridica.com\/buscador_20179478954\/corteconstitucionalcronologico202454587\/c-257-13\/\" class=\"_self pt-cv-href-thumbnail pt-cv-thumb-default\" target=\"_self\" ><\/a>\n<div class=\"pt-cv-taxoterm above_title\"><a href='https:\/\/www.dmsjuridica.com\/buscador_20179478954\/corteconstitucionalcronologico202454587\/category\/buscar-en-toda-la-corte\/2013\/sentencias-2013\/' title='Sentencias 2013' class='pt-cv-tax-sentencias-2013'>Sentencias 2013<\/a><\/div>\n<h4 class=\"pt-cv-title\"><a href=\"https:\/\/www.dmsjuridica.com\/buscador_20179478954\/corteconstitucionalcronologico202454587\/c-257-13\/\" class=\"_self\" target=\"_self\" >C-257-13<\/a><\/h4>\n<div class=\"pt-cv-content\">\u00a0 \u00a0 \u00a0 \u00a0 \u00a0 \u00a0C-257-13 \u00a0 \u00a0 \u00a0 \u00a0 \u00a0 \u00a0\u00a0 Sentencia C-257\/13 \u00a0 \u00a0 FORTALECIMIENTO DE MECANISMOS DE PREVENCION, INVESTIGACION Y \u00a0 SANCION DE ACTOS DE CORRUPCION Y EFECTIVIDAD DEL CONTROL DE GESTION PUBLICA-Prohibici\u00f3n \u00a0 para que ex servidores p\u00fablicos gestionen intereses privados\/FORTALECIMIENTO \u00a0 DE MECANISMOS DE PREVENCION, INVESTIGACION Y SANCION DE ACTOS DE CORRUPCION Y \u00a0 EFECTIVIDAD DEL CONTROL DE GESTION PUBLICA-Inhabilidad para que ex empleados \u00a0 p\u00fablicos contraten con el Estado \u00a0 \u00a0 REGIMEN DE INHABILIDADES E INCOMPATIBILIDADES PARA EJERCER \u00a0 FUNCIONES PUBLICAS-Jurisprudencia constitucional\/REGIMEN DE INHABILIDADES E \u00a0 INCOMPATIBILIDADES PARA EJERCER FUNCIONES PUBLICAS-L\u00edmites a la libertad ...<br \/><div class=\"pt-cv-rmwrap\"><a href=\"https:\/\/www.dmsjuridica.com\/buscador_20179478954\/corteconstitucionalcronologico202454587\/c-257-13\/\" class=\"_self pt-cv-readmore btn btn-success\" target=\"_self\">Ver Sentencia Completa...<\/a><\/div><\/div><\/div><\/div>\n<div class=\"col-md-12 col-sm-12 col-xs-12 pt-cv-content-item pt-cv-1-col\" ><div class='pt-cv-ifield'><a href=\"https:\/\/www.dmsjuridica.com\/buscador_20179478954\/corteconstitucionalcronologico202454587\/c-253-13\/\" class=\"_self pt-cv-href-thumbnail pt-cv-thumb-default\" target=\"_self\" ><\/a>\n<div class=\"pt-cv-taxoterm above_title\"><a href='https:\/\/www.dmsjuridica.com\/buscador_20179478954\/corteconstitucionalcronologico202454587\/category\/buscar-en-toda-la-corte\/2013\/sentencias-2013\/' title='Sentencias 2013' class='pt-cv-tax-sentencias-2013'>Sentencias 2013<\/a><\/div>\n<h4 class=\"pt-cv-title\"><a href=\"https:\/\/www.dmsjuridica.com\/buscador_20179478954\/corteconstitucionalcronologico202454587\/c-253-13\/\" class=\"_self\" target=\"_self\" >C-253-13<\/a><\/h4>\n<div class=\"pt-cv-content\">\u00a0 \u00a0 \u00a0 \u00a0 \u00a0 \u00a0C-253-13 \u00a0 \u00a0 \u00a0 \u00a0 \u00a0 \u00a0\u00a0 Sentencia C-253\/13 \u00a0 \u00a0 (Bogot\u00e1 DC, abril 25 de 2013) \u00a0 \u00a0 EXIGENCIA DE \u00a0 CONSULTA PREVIA EN MEDIDAS LEGISLATIVAS-Nueva regla jurisprudencial\/CONSULTA \u00a0 PREVIA DE MEDIDAS LEGISLATIVAS O ADMINISTRATIVAS EN SENTENCIA C-030 DE 2008-Par\u00e1metro \u00a0 de control constitucional \u00a0 \u00a0 La Corte nunca abord\u00f3 ni hizo expl\u00edcito el problema de la \u00a0 aplicaci\u00f3n retroactiva de las reglas sobre el procedimiento de la Consulta \u00a0 Previa consolidadas y desarrolladas en la sentencia C-030 de 2008 para medidas \u00a0 legislativas relativas a todos los asuntos que afectaran directa y \u00a0 ...<br \/><div class=\"pt-cv-rmwrap\"><a href=\"https:\/\/www.dmsjuridica.com\/buscador_20179478954\/corteconstitucionalcronologico202454587\/c-253-13\/\" class=\"_self pt-cv-readmore btn btn-success\" target=\"_self\">Ver Sentencia Completa...<\/a><\/div><\/div><\/div><\/div>\n<div class=\"col-md-12 col-sm-12 col-xs-12 pt-cv-content-item pt-cv-1-col\" ><div class='pt-cv-ifield'><a href=\"https:\/\/www.dmsjuridica.com\/buscador_20179478954\/corteconstitucionalcronologico202454587\/c-252-13\/\" class=\"_self pt-cv-href-thumbnail pt-cv-thumb-default\" target=\"_self\" ><\/a>\n<div class=\"pt-cv-taxoterm above_title\"><a href='https:\/\/www.dmsjuridica.com\/buscador_20179478954\/corteconstitucionalcronologico202454587\/category\/buscar-en-toda-la-corte\/2013\/sentencias-2013\/' title='Sentencias 2013' class='pt-cv-tax-sentencias-2013'>Sentencias 2013<\/a><\/div>\n<h4 class=\"pt-cv-title\"><a href=\"https:\/\/www.dmsjuridica.com\/buscador_20179478954\/corteconstitucionalcronologico202454587\/c-252-13\/\" class=\"_self\" target=\"_self\" >C-252-13<\/a><\/h4>\n<div class=\"pt-cv-content\">\u00a0 \u00a0 \u00a0 \u00a0 \u00a0 \u00a0C-252-13 \u00a0 \u00a0 \u00a0 \u00a0 \u00a0 \u00a0\u00a0 Sentencia \u00a0 C-252\/13 \u00a0 \u00a0 NORMAS TENDIENTES A MODERNIZAR LA ORGANIZACION Y EL \u00a0 FUNCIONAMIENTO DE LOS MUNICIPIOS-Extensi\u00f3n a los departamentos de la \u00a0 facultad para celebrar convenios con las juntas de acci\u00f3n comunal \u00a0 \u00a0 NORMAS TENDIENTES A MODERNIZAR LA ORGANIZACION Y EL \u00a0 FUNCIONAMIENTO DE LOS MUNICIPIOS-Cosa juzgada constitucional respecto \u00a0 del art\u00edculo 44 de la Ley 1551 de 2012 \u00a0 \u00a0 Referencia: expediente D-9310 \u00a0 \u00a0 Demanda de \u00a0 inconstitucionalidad contra el art\u00edculo 44 de la Ley 1551 de 2012 \u201cpor la \u00a0 cual se ...<br \/><div class=\"pt-cv-rmwrap\"><a href=\"https:\/\/www.dmsjuridica.com\/buscador_20179478954\/corteconstitucionalcronologico202454587\/c-252-13\/\" class=\"_self pt-cv-readmore btn btn-success\" target=\"_self\">Ver Sentencia Completa...<\/a><\/div><\/div><\/div><\/div>\n<div class=\"col-md-12 col-sm-12 col-xs-12 pt-cv-content-item pt-cv-1-col\" ><div class='pt-cv-ifield'><a href=\"https:\/\/www.dmsjuridica.com\/buscador_20179478954\/corteconstitucionalcronologico202454587\/c-251-13\/\" class=\"_self pt-cv-href-thumbnail pt-cv-thumb-default\" target=\"_self\" ><\/a>\n<div class=\"pt-cv-taxoterm above_title\"><a href='https:\/\/www.dmsjuridica.com\/buscador_20179478954\/corteconstitucionalcronologico202454587\/category\/buscar-en-toda-la-corte\/2013\/sentencias-2013\/' title='Sentencias 2013' class='pt-cv-tax-sentencias-2013'>Sentencias 2013<\/a><\/div>\n<h4 class=\"pt-cv-title\"><a href=\"https:\/\/www.dmsjuridica.com\/buscador_20179478954\/corteconstitucionalcronologico202454587\/c-251-13\/\" class=\"_self\" target=\"_self\" >C-251-13<\/a><\/h4>\n<div class=\"pt-cv-content\">\u00a0 \u00a0 \u00a0 \u00a0 \u00a0 \u00a0C-251-13 \u00a0 \u00a0 \u00a0 \u00a0 \u00a0 \u00a0\u00a0 Sentencia C-251\/13 \u00a0 \u00a0 NORMAS PARA MODERNIZAR LA ORGANIZACION Y \u00a0 EL FUNCIONAMIENTO DE LOS MUNICIPIOS-Cosa juzgada constitucional relativo a la elecci\u00f3n de Personeros Municipales previo \u00a0 concurso p\u00fablico de m\u00e9ritos realizado por la Procuradur\u00eda General de la Naci\u00f3n\u00a0 \u00a0 \u00a0 Referencia: expediente \u00a0 D-9315.Demanda de inconstitucionalidad contra el Art\u00edculo 35 (parcial) de \u00a0 la Ley 1551 de 2012, modificatorio del Art\u00edculo 170 de la Ley 136 de 1994 \u00a0 \u00a0 Actor: Martha Ofir Ariza Z\u00fa\u00f1iga \u00a0 \u00a0 Magistrado Ponente: \u00a0 \u00a0 Luis Guillermo Guerrero P\u00e9rez \u00a0 \u00a0 ...<br \/><div class=\"pt-cv-rmwrap\"><a href=\"https:\/\/www.dmsjuridica.com\/buscador_20179478954\/corteconstitucionalcronologico202454587\/c-251-13\/\" class=\"_self pt-cv-readmore btn btn-success\" target=\"_self\">Ver Sentencia Completa...<\/a><\/div><\/div><\/div><\/div>\n<div class=\"col-md-12 col-sm-12 col-xs-12 pt-cv-content-item pt-cv-1-col\" ><div class='pt-cv-ifield'><a href=\"https:\/\/www.dmsjuridica.com\/buscador_20179478954\/corteconstitucionalcronologico202454587\/c-250-13\/\" class=\"_self pt-cv-href-thumbnail pt-cv-thumb-default\" target=\"_self\" ><\/a>\n<div class=\"pt-cv-taxoterm above_title\"><a href='https:\/\/www.dmsjuridica.com\/buscador_20179478954\/corteconstitucionalcronologico202454587\/category\/buscar-en-toda-la-corte\/2013\/sentencias-2013\/' title='Sentencias 2013' class='pt-cv-tax-sentencias-2013'>Sentencias 2013<\/a><\/div>\n<h4 class=\"pt-cv-title\"><a href=\"https:\/\/www.dmsjuridica.com\/buscador_20179478954\/corteconstitucionalcronologico202454587\/c-250-13\/\" class=\"_self\" target=\"_self\" >C-250-13<\/a><\/h4>\n<div class=\"pt-cv-content\">\u00a0 \u00a0 \u00a0 \u00a0 \u00a0 \u00a0C-250-13 \u00a0 \u00a0 \u00a0 \u00a0 \u00a0 \u00a0\u00a0 Sentencia C-250\/13 \u00a0 \u00a0 SISTEMA ESPECIFICO DE CARRERA ADMINISTRATIVA EN \u00a0 SUPERINTENDENCIAS-Inexequibilidad del \u00a0 art\u00edculo 49 del decreto 775 de 2005\/SUPRESION DE LAS COMISIONES DE PERSONAL \u00a0 EN SUPERINTENDENCIAS-Desconoce los principios democr\u00e1tico, participativo, de \u00a0 carrera administrativa e introduce un factor de discriminaci\u00f3n que no se \u00a0 justifica solo por estar sujetas a un r\u00e9gimen espec\u00edfico de carrera \u00a0 administrativa \u00a0 \u00a0 SISTEMAS ESPECIFICOS DE CARRERA ADMINISTRATIVA-Jurisprudencia constitucional\/SISTEMAS ESPECIFICOS \u00a0 DE CARRERA ADMINISTRATIVA EN SUPERINTENDENCIAS-Ambito de aplicaci\u00f3n \u00a0 \u00a0 COMISIONES DE PERSONAL-Contenido y \u00a0 alcance\/COMISIONES DE PERSONAL-Funciones\/COMISIONES DE ...<br \/><div class=\"pt-cv-rmwrap\"><a href=\"https:\/\/www.dmsjuridica.com\/buscador_20179478954\/corteconstitucionalcronologico202454587\/c-250-13\/\" class=\"_self pt-cv-readmore btn btn-success\" target=\"_self\">Ver Sentencia Completa...<\/a><\/div><\/div><\/div><\/div>\n<div class=\"col-md-12 col-sm-12 col-xs-12 pt-cv-content-item pt-cv-1-col\" ><div class='pt-cv-ifield'><a href=\"https:\/\/www.dmsjuridica.com\/buscador_20179478954\/corteconstitucionalcronologico202454587\/c-249-13\/\" class=\"_self pt-cv-href-thumbnail pt-cv-thumb-default\" target=\"_self\" ><\/a>\n<div class=\"pt-cv-taxoterm above_title\"><a href='https:\/\/www.dmsjuridica.com\/buscador_20179478954\/corteconstitucionalcronologico202454587\/category\/buscar-en-toda-la-corte\/2013\/sentencias-2013\/' title='Sentencias 2013' class='pt-cv-tax-sentencias-2013'>Sentencias 2013<\/a><\/div>\n<h4 class=\"pt-cv-title\"><a href=\"https:\/\/www.dmsjuridica.com\/buscador_20179478954\/corteconstitucionalcronologico202454587\/c-249-13\/\" class=\"_self\" target=\"_self\" >C-249-13<\/a><\/h4>\n<div class=\"pt-cv-content\">\u00a0 \u00a0 \u00a0 \u00a0 \u00a0 \u00a0C-249-13 \u00a0 \u00a0 \u00a0 \u00a0 \u00a0 \u00a0\u00a0 Sentencia \u00a0 C-249\/13 \u00a0 \u00a0 \u00a0 OBLIGATORIEDAD DE UTILIZAR INSTRUMENTOS BANCARIOS DE PAGO PARA \u00a0 OBTENER BENEFICIOS TRIBUTARIOS-No vulnera los principios de equidad \u00a0 tributaria y buena fe \u00a0 \u00a0 NORMAS TRIBUTARIAS DE \u00a0 CONTROL Y PARA LA COMPETITIVIDAD-Medios \u00a0 de pago para efectos de la aceptaci\u00f3n de costos, deducciones, pasivos e \u00a0 impuestos descontables\u00a0 \u00a0 \u00a0 INSTRUMENTOS BANCARIOS DE PAGO PARA OBTENER BENEFICIOS TRIBUTARIOS-Inhibici\u00f3n \u00a0 frente a la acusaci\u00f3n por desconocimiento del derecho al debido proceso \u00a0 \u00a0 RECONOCIMIENTO FISCAL POR PAGO EN EFECTIVO QUE EFECTUEN LOS ...<br \/><div class=\"pt-cv-rmwrap\"><a href=\"https:\/\/www.dmsjuridica.com\/buscador_20179478954\/corteconstitucionalcronologico202454587\/c-249-13\/\" class=\"_self pt-cv-readmore btn btn-success\" target=\"_self\">Ver Sentencia Completa...<\/a><\/div><\/div><\/div><\/div>\n<div class=\"col-md-12 col-sm-12 col-xs-12 pt-cv-content-item pt-cv-1-col\" ><div class='pt-cv-ifield'><a href=\"https:\/\/www.dmsjuridica.com\/buscador_20179478954\/corteconstitucionalcronologico202454587\/c-248-13\/\" class=\"_self pt-cv-href-thumbnail pt-cv-thumb-default\" target=\"_self\" ><\/a>\n<div class=\"pt-cv-taxoterm above_title\"><a href='https:\/\/www.dmsjuridica.com\/buscador_20179478954\/corteconstitucionalcronologico202454587\/category\/buscar-en-toda-la-corte\/2013\/sentencias-2013\/' title='Sentencias 2013' class='pt-cv-tax-sentencias-2013'>Sentencias 2013<\/a><\/div>\n<h4 class=\"pt-cv-title\"><a href=\"https:\/\/www.dmsjuridica.com\/buscador_20179478954\/corteconstitucionalcronologico202454587\/c-248-13\/\" class=\"_self\" target=\"_self\" >C-248-13<\/a><\/h4>\n<div class=\"pt-cv-content\">\u00a0 \u00a0 \u00a0 \u00a0 \u00a0 \u00a0C-248-13 \u00a0 \u00a0 \u00a0 \u00a0 \u00a0 \u00a0\u00a0 Sentencia C-248\/13 \u00a0 \u00a0 (Bogot\u00e1 DC, abril \u00a0 24 de 2013) \u00a0 \u00a0 RECURSOS CONTRA ACTOS \u00a0 ADMINISTRATIVOS-Contenido \u00a0 \u00a0 RESTRICCION DEL RECURSO DE \u00a0 APELACION CONTRA DECISIONES PROFERIDAS POR REPRESENTANTES LEGALES Y JEFES \u00a0 SUPERIORES DE ENTIDADES Y ORGANISMOS DEL NIVEL TERRITORIAL-No vulnera \u00a0 el debido proceso administrativo\/IMPROCEDENCIA DEL RECURSO DE APELACION CONTRA DECISIONES DE \u00a0 LAS MAXIMAS AUTORIDADES DEL NIVEL TERRITORIAL-Justificaci\u00f3n \u00a0 \u00a0 La Corte considera relevante resaltar que la improcedencia \u00a0 del recurso de apelaci\u00f3n contra las decisiones de las m\u00e1ximas autoridades del \u00a0 nivel ...<br \/><div class=\"pt-cv-rmwrap\"><a href=\"https:\/\/www.dmsjuridica.com\/buscador_20179478954\/corteconstitucionalcronologico202454587\/c-248-13\/\" class=\"_self pt-cv-readmore btn btn-success\" target=\"_self\">Ver Sentencia Completa...<\/a><\/div><\/div><\/div><\/div>\n<div class=\"col-md-12 col-sm-12 col-xs-12 pt-cv-content-item pt-cv-1-col\" ><div class='pt-cv-ifield'><a href=\"https:\/\/www.dmsjuridica.com\/buscador_20179478954\/corteconstitucionalcronologico202454587\/c-247-13\/\" class=\"_self pt-cv-href-thumbnail pt-cv-thumb-default\" target=\"_self\" ><\/a>\n<div class=\"pt-cv-taxoterm above_title\"><a href='https:\/\/www.dmsjuridica.com\/buscador_20179478954\/corteconstitucionalcronologico202454587\/category\/buscar-en-toda-la-corte\/2013\/sentencias-2013\/' title='Sentencias 2013' class='pt-cv-tax-sentencias-2013'>Sentencias 2013<\/a><\/div>\n<h4 class=\"pt-cv-title\"><a href=\"https:\/\/www.dmsjuridica.com\/buscador_20179478954\/corteconstitucionalcronologico202454587\/c-247-13\/\" class=\"_self\" target=\"_self\" >C-247-13<\/a><\/h4>\n<div class=\"pt-cv-content\">\u00a0 \u00a0 \u00a0 \u00a0 \u00a0 \u00a0C-247-13 \u00a0 \u00a0 \u00a0 \u00a0 \u00a0 \u00a0\u00a0 Sentencia C-247\/13 \u00a0 \u00a0\u00a0 (Bogot\u00e1 DC, abril 24 de 2013) \u00a0 \u00a0 LEY QUE REGULA \u00a0 LA ORGANIZACION Y FUNCIONAMIENTO DEL SISTEMA GENERAL DE REGALIAS-Participaci\u00f3n de Congresistas en \u00a0 Comisi\u00f3n Rectora y \u00d3rganos Colegiados de Administraci\u00f3n y Decisi\u00f3n Regionales no \u00a0 vulnera la Constituci\u00f3n\/LEY QUE REGULA LA ORGANIZACION Y \u00a0 FUNCIONAMIENTO DEL SISTEMA GENERAL DE REGALIAS-Participaci\u00f3n de Congresistas en \u00a0 Comisi\u00f3n Rectora y \u00d3rganos Colegiados de Administraci\u00f3n y Decisi\u00f3n Regionales no \u00a0 constituye una vulneraci\u00f3n al r\u00e9gimen de inhabilidades e incompatibilidades de \u00a0 los Congresistas \u00a0 \u00a0 Los ...<br \/><div class=\"pt-cv-rmwrap\"><a href=\"https:\/\/www.dmsjuridica.com\/buscador_20179478954\/corteconstitucionalcronologico202454587\/c-247-13\/\" class=\"_self pt-cv-readmore btn btn-success\" target=\"_self\">Ver Sentencia Completa...<\/a><\/div><\/div><\/div><\/div>\n<div class=\"col-md-12 col-sm-12 col-xs-12 pt-cv-content-item pt-cv-1-col\" ><div class='pt-cv-ifield'><a href=\"https:\/\/www.dmsjuridica.com\/buscador_20179478954\/corteconstitucionalcronologico202454587\/c-246-13\/\" class=\"_self pt-cv-href-thumbnail pt-cv-thumb-default\" target=\"_self\" ><\/a>\n<div class=\"pt-cv-taxoterm above_title\"><a href='https:\/\/www.dmsjuridica.com\/buscador_20179478954\/corteconstitucionalcronologico202454587\/category\/buscar-en-toda-la-corte\/2013\/sentencias-2013\/' title='Sentencias 2013' class='pt-cv-tax-sentencias-2013'>Sentencias 2013<\/a><\/div>\n<h4 class=\"pt-cv-title\"><a href=\"https:\/\/www.dmsjuridica.com\/buscador_20179478954\/corteconstitucionalcronologico202454587\/c-246-13\/\" class=\"_self\" target=\"_self\" >C-246-13<\/a><\/h4>\n<div class=\"pt-cv-content\">\u00a0 \u00a0 \u00a0 \u00a0 \u00a0 \u00a0C-246-13 \u00a0 \u00a0 \u00a0 \u00a0 \u00a0 \u00a0\u00a0 PROTOCOLO ADICIONAL AL TRATADO CONSTITUTIVO DE UNASUR SOBRE COMPROMISO CON LA \u00a0 DEMOCRACIA Y SU LEY APROBATORIA-Se ajustan a los preceptos \u00a0 constitucionales \u00a0 \u00a0 Para la Corte el Protocolo Adicional al \u00a0 Tratado Constitutivo de UNASUR y su Ley aprobatoria 1571 del 2 de agosto de 2012, se \u00a0 ajustan a los preceptos constitucionales tanto en su aspecto formal como \u00a0 material, en la medida en que fueron cumplidos los requisitos procedimentales \u00a0 exigidos por la Constituci\u00f3n y la Ley para que integre el ordenamiento jur\u00eddico \u00a0 ...<br \/><div class=\"pt-cv-rmwrap\"><a href=\"https:\/\/www.dmsjuridica.com\/buscador_20179478954\/corteconstitucionalcronologico202454587\/c-246-13\/\" class=\"_self pt-cv-readmore btn btn-success\" target=\"_self\">Ver Sentencia Completa...<\/a><\/div><\/div><\/div><\/div>\n<div class=\"col-md-12 col-sm-12 col-xs-12 pt-cv-content-item pt-cv-1-col\" ><div class='pt-cv-ifield'><a href=\"https:\/\/www.dmsjuridica.com\/buscador_20179478954\/corteconstitucionalcronologico202454587\/c-244-13\/\" class=\"_self pt-cv-href-thumbnail pt-cv-thumb-default\" target=\"_self\" ><\/a>\n<div class=\"pt-cv-taxoterm above_title\"><a href='https:\/\/www.dmsjuridica.com\/buscador_20179478954\/corteconstitucionalcronologico202454587\/category\/buscar-en-toda-la-corte\/2013\/sentencias-2013\/' title='Sentencias 2013' class='pt-cv-tax-sentencias-2013'>Sentencias 2013<\/a><\/div>\n<h4 class=\"pt-cv-title\"><a href=\"https:\/\/www.dmsjuridica.com\/buscador_20179478954\/corteconstitucionalcronologico202454587\/c-244-13\/\" class=\"_self\" target=\"_self\" >C-244-13<\/a><\/h4>\n<div class=\"pt-cv-content\">\u00a0 \u00a0 \u00a0 \u00a0 \u00a0 \u00a0C-244-13 \u00a0 \u00a0 \u00a0 \u00a0 \u00a0 \u00a0\u00a0 Sentencia \u00a0 C-244\/13 \u00a0 \u00a0 REGIMEN SALARIAL Y PRESTACIONAL \u00a0 DE EMPLEADOS PUBLICOS-Cosa juzgada constitucional respecto \u00a0 de expresi\u00f3n contenida en art\u00edculo 15 de la ley 4 de 1992\/REGIMEN SALARIAL Y \u00a0 PRESTACIONAL DE LOS EMPLEADOS PUBLICOS CONTENIDO EN LEY 4 DE 1992-Prima \u00a0 especial de servicios\/PRIMA \u00a0 ESPECIAL DE SERVICIO-Car\u00e1cter salarial \u00a0 \u00a0 POLITICA DE NIVELACION SALARIAL \u00a0 PARA JUECES DE LA REPUBLICA Y OTROS ALTOS SERVIDORES PUBLICOS-Contenido y \u00a0 alcance \u00a0 \u00a0 REGIMEN SALARIAL Y PRESTACIONAL DE FUNCIONARIOS DE LA \u00a0 RAMA JUDICIAL-Regulaci\u00f3n \u00a0 \u00a0 PRIMA ...<br \/><div class=\"pt-cv-rmwrap\"><a href=\"https:\/\/www.dmsjuridica.com\/buscador_20179478954\/corteconstitucionalcronologico202454587\/c-244-13\/\" class=\"_self pt-cv-readmore btn btn-success\" target=\"_self\">Ver Sentencia Completa...<\/a><\/div><\/div><\/div><\/div>\n<div class=\"col-md-12 col-sm-12 col-xs-12 pt-cv-content-item pt-cv-1-col\" ><div class='pt-cv-ifield'><a href=\"https:\/\/www.dmsjuridica.com\/buscador_20179478954\/corteconstitucionalcronologico202454587\/c-224-13\/\" class=\"_self pt-cv-href-thumbnail pt-cv-thumb-default\" target=\"_self\" ><\/a>\n<div class=\"pt-cv-taxoterm above_title\"><a href='https:\/\/www.dmsjuridica.com\/buscador_20179478954\/corteconstitucionalcronologico202454587\/category\/buscar-en-toda-la-corte\/2013\/sentencias-2013\/' title='Sentencias 2013' class='pt-cv-tax-sentencias-2013'>Sentencias 2013<\/a><\/div>\n<h4 class=\"pt-cv-title\"><a href=\"https:\/\/www.dmsjuridica.com\/buscador_20179478954\/corteconstitucionalcronologico202454587\/c-224-13\/\" class=\"_self\" target=\"_self\" >C-224-13<\/a><\/h4>\n<div class=\"pt-cv-content\">\u00a0 \u00a0 \u00a0 \u00a0 \u00a0 \u00a0C-224-13 \u00a0 \u00a0 \u00a0 \u00a0 \u00a0 \u00a0\u00a0 Sentencia C-224\/13 \u00a0 \u00a0 FACULTADES DE ENTIDADES ESTATALES PARA CONTRATAR \u00a0 APODERADOS ESPECIALES EN COBRO COACTIVO-Configura un vaciamiento de \u00a0 competencias que contradice el art\u00edculo 2 de la Constituci\u00f3n Pol\u00edtica\/TRANSFERENCIA \u00a0 INTEGRAL DE LA FACULTAD DE COBRO COACTIVO A PARTICULARES-Inexequibilidad \u00a0 \u00a0 La transferencia integral termina por desnaturalizar el \u00a0 procedimiento de cobro coactivo. En efecto, \u00e9ste tiene por objeto fundamental \u00a0 que la administraci\u00f3n cobre directamente, sin la mediaci\u00f3n judicial, sus propios \u00a0 cr\u00e9ditos; es decir, se trata de un privilegio de la administraci\u00f3n p\u00fablica para \u00a0 ...<br \/><div class=\"pt-cv-rmwrap\"><a href=\"https:\/\/www.dmsjuridica.com\/buscador_20179478954\/corteconstitucionalcronologico202454587\/c-224-13\/\" class=\"_self pt-cv-readmore btn btn-success\" target=\"_self\">Ver Sentencia Completa...<\/a><\/div><\/div><\/div><\/div>\n<div class=\"col-md-12 col-sm-12 col-xs-12 pt-cv-content-item pt-cv-1-col\" ><div class='pt-cv-ifield'><a href=\"https:\/\/www.dmsjuridica.com\/buscador_20179478954\/corteconstitucionalcronologico202454587\/c-223-13\/\" class=\"_self pt-cv-href-thumbnail pt-cv-thumb-default\" target=\"_self\" ><\/a>\n<div class=\"pt-cv-taxoterm above_title\"><a href='https:\/\/www.dmsjuridica.com\/buscador_20179478954\/corteconstitucionalcronologico202454587\/category\/buscar-en-toda-la-corte\/2013\/sentencias-2013\/' title='Sentencias 2013' class='pt-cv-tax-sentencias-2013'>Sentencias 2013<\/a><\/div>\n<h4 class=\"pt-cv-title\"><a href=\"https:\/\/www.dmsjuridica.com\/buscador_20179478954\/corteconstitucionalcronologico202454587\/c-223-13\/\" class=\"_self\" target=\"_self\" >C-223-13<\/a><\/h4>\n<div class=\"pt-cv-content\">\u00a0 \u00a0 \u00a0 \u00a0 \u00a0 \u00a0C-223-13 \u00a0 \u00a0 \u00a0 \u00a0 \u00a0 \u00a0\u00a0 Sentencia C-223\/13 \u00a0 \u00a0 CONVENIO INTERAMERICANO SOBRE \u00a0 PERMISO INTERNACIONAL DE RADIOAFICIONADO (IARP) Y SU PROTOCOLO DE \u00a0 MODIFICACIONES-Finalidad \u00a0 \u00a0 El Convenio Interamericano sobre Permiso \u00a0 Internacional de Radioaficionado, es un acuerdo internacional dirigido a \u00a0 fortalecer el proceso de integraci\u00f3n de las naciones del continente americano, \u00a0 acorde con los objetivos previstos en la Carta de la Organizaci\u00f3n de los Estados \u00a0 Americanos (OEA), las disposiciones del Estatuto de la Comisi\u00f3n Interamericana \u00a0 de Telecomunicaciones (CITEL) y las disposiciones del Reglamento de \u00a0 Radiocomunicaciones de la ...<br \/><div class=\"pt-cv-rmwrap\"><a href=\"https:\/\/www.dmsjuridica.com\/buscador_20179478954\/corteconstitucionalcronologico202454587\/c-223-13\/\" class=\"_self pt-cv-readmore btn btn-success\" target=\"_self\">Ver Sentencia Completa...<\/a><\/div><\/div><\/div><\/div>\n<div class=\"col-md-12 col-sm-12 col-xs-12 pt-cv-content-item pt-cv-1-col\" ><div class='pt-cv-ifield'><a href=\"https:\/\/www.dmsjuridica.com\/buscador_20179478954\/corteconstitucionalcronologico202454587\/c-222-13\/\" class=\"_self pt-cv-href-thumbnail pt-cv-thumb-default\" target=\"_self\" ><\/a>\n<div class=\"pt-cv-taxoterm above_title\"><a href='https:\/\/www.dmsjuridica.com\/buscador_20179478954\/corteconstitucionalcronologico202454587\/category\/buscar-en-toda-la-corte\/2013\/sentencias-2013\/' title='Sentencias 2013' class='pt-cv-tax-sentencias-2013'>Sentencias 2013<\/a><\/div>\n<h4 class=\"pt-cv-title\"><a href=\"https:\/\/www.dmsjuridica.com\/buscador_20179478954\/corteconstitucionalcronologico202454587\/c-222-13\/\" class=\"_self\" target=\"_self\" >C-222-13<\/a><\/h4>\n<div class=\"pt-cv-content\">\u00a0 \u00a0 \u00a0 \u00a0 \u00a0 \u00a0C-222-13 \u00a0 \u00a0 \u00a0 \u00a0 \u00a0 \u00a0\u00a0 Sentencia C-222\/13 \u00a0 \u00a0\u00a0 INHIBICION DE LA CORTE CONSTITUCIONAL POR INEPTITUD \u00a0 SUSTANTIVA DE LA DEMANDA-Improcedencia \u00a0 porque demanda si cumpl\u00eda carga m\u00ednima de argumentaci\u00f3n \u00a0 \u00a0 Si bien la argumentaci\u00f3n del demandante es breve y b\u00e1sica, para la Corte la demanda s\u00ed \u00a0 plantea un cargo m\u00ednimo de inconstitucionalidad que resulta pertinente y \u00a0 suficiente, relacionado con la incompatibilidad de lo establecido en el \u00a0 art\u00edculo 27 de la Ley 640 de 2001 con el art\u00edculo 116 de la Constituci\u00f3n \u00a0 Pol\u00edtica, en la medida en que ...<br \/><div class=\"pt-cv-rmwrap\"><a href=\"https:\/\/www.dmsjuridica.com\/buscador_20179478954\/corteconstitucionalcronologico202454587\/c-222-13\/\" class=\"_self pt-cv-readmore btn btn-success\" target=\"_self\">Ver Sentencia Completa...<\/a><\/div><\/div><\/div><\/div>\n<div class=\"col-md-12 col-sm-12 col-xs-12 pt-cv-content-item pt-cv-1-col\" ><div class='pt-cv-ifield'><a href=\"https:\/\/www.dmsjuridica.com\/buscador_20179478954\/corteconstitucionalcronologico202454587\/c-221-13\/\" class=\"_self pt-cv-href-thumbnail pt-cv-thumb-default\" target=\"_self\" ><\/a>\n<div class=\"pt-cv-taxoterm above_title\"><a href='https:\/\/www.dmsjuridica.com\/buscador_20179478954\/corteconstitucionalcronologico202454587\/category\/buscar-en-toda-la-corte\/2013\/sentencias-2013\/' title='Sentencias 2013' class='pt-cv-tax-sentencias-2013'>Sentencias 2013<\/a><\/div>\n<h4 class=\"pt-cv-title\"><a href=\"https:\/\/www.dmsjuridica.com\/buscador_20179478954\/corteconstitucionalcronologico202454587\/c-221-13\/\" class=\"_self\" target=\"_self\" >C-221-13<\/a><\/h4>\n<div class=\"pt-cv-content\">\u00a0 \u00a0 \u00a0 \u00a0 \u00a0 \u00a0C-221-13 \u00a0 \u00a0 \u00a0 \u00a0 \u00a0 \u00a0\u00a0 Sentencia \u00a0 C-221\/13\u00a0\u00a0\u00a0\u00a0\u00a0\u00a0 \u00a0 \u00a0 \u00a0 CONVENIO Y PROTOCOLO PARA EVITAR LA DOBLE IMPOSICION Y \u00a0 EVASION FISCAL EN LOS IMPUESTOS DE RENTA Y PATRIMONIO ENTRE COLOMBIA Y LOS \u00a0 ESTADOS UNIDOS MEXICANOS-Se ajustan a \u00a0 fines, principios y derechos reconocidos en la Constituci\u00f3n y que orientan las \u00a0 relaciones internacionales \u00a0 \u00a0 CONVENIO CON LOS ESTADOS UNIDOS MEXICANOS PARA EVITAR \u00a0 LA DOBLE IMPOSICION Y PREVENIR LA EVASION FISCAL Y SU PROTOCOLO-Car\u00e1cter tributario \u00a0 \u00a0 LEY APROBATORIA DE TRATADO INTERNACIONAL-Alcance del control constitucional \u00a0 \u00a0 LEY APROBATORIA ...<br \/><div class=\"pt-cv-rmwrap\"><a href=\"https:\/\/www.dmsjuridica.com\/buscador_20179478954\/corteconstitucionalcronologico202454587\/c-221-13\/\" class=\"_self pt-cv-readmore btn btn-success\" target=\"_self\">Ver Sentencia Completa...<\/a><\/div><\/div><\/div><\/div>\n<div class=\"col-md-12 col-sm-12 col-xs-12 pt-cv-content-item pt-cv-1-col\" ><div class='pt-cv-ifield'><a href=\"https:\/\/www.dmsjuridica.com\/buscador_20179478954\/corteconstitucionalcronologico202454587\/c-220-13\/\" class=\"_self pt-cv-href-thumbnail pt-cv-thumb-default\" target=\"_self\" ><\/a>\n<div class=\"pt-cv-taxoterm above_title\"><a href='https:\/\/www.dmsjuridica.com\/buscador_20179478954\/corteconstitucionalcronologico202454587\/category\/buscar-en-toda-la-corte\/2013\/sentencias-2013\/' title='Sentencias 2013' class='pt-cv-tax-sentencias-2013'>Sentencias 2013<\/a><\/div>\n<h4 class=\"pt-cv-title\"><a href=\"https:\/\/www.dmsjuridica.com\/buscador_20179478954\/corteconstitucionalcronologico202454587\/c-220-13\/\" class=\"_self\" target=\"_self\" >C-220-13<\/a><\/h4>\n<div class=\"pt-cv-content\">\u00a0 \u00a0 \u00a0 \u00a0 \u00a0 \u00a0C-220-13 \u00a0 \u00a0 \u00a0 \u00a0 \u00a0 \u00a0\u00a0 CONVENIO QUE REGULA EL REGISTRO UNICO DE DATOS PARA \u00a0 IDENTIFICACION AGIL DE OBJETOS LANZADOS AL ESPACIO ULTRATERRESTRE-Se ajusta a \u00a0 la Constituci\u00f3n Pol\u00edtica \u00a0 \u00a0 Cumplido el examen del Instrumento remitido por el \u00a0 Ejecutivo para el control de constitucionalidad pertinente, concluye la Corte \u00a0 Constitucional que los mandatos contenidos en el 'Convenio sobre el registro de objetos \u00a0 lanzados al espacio ultraterrestre' \u00a0 se ajustan a la Constituci\u00f3n. La revisi\u00f3n del procedimiento de expedici\u00f3n de la \u00a0Ley 1569 de 2012, pone de presente el acatamiento de ...<br \/><div class=\"pt-cv-rmwrap\"><a href=\"https:\/\/www.dmsjuridica.com\/buscador_20179478954\/corteconstitucionalcronologico202454587\/c-220-13\/\" class=\"_self pt-cv-readmore btn btn-success\" target=\"_self\">Ver Sentencia Completa...<\/a><\/div><\/div><\/div><\/div>\n<div class=\"col-md-12 col-sm-12 col-xs-12 pt-cv-content-item pt-cv-1-col\" ><div class='pt-cv-ifield'><a href=\"https:\/\/www.dmsjuridica.com\/buscador_20179478954\/corteconstitucionalcronologico202454587\/c-197-13\/\" class=\"_self pt-cv-href-thumbnail pt-cv-thumb-default\" target=\"_self\" ><\/a>\n<div class=\"pt-cv-taxoterm above_title\"><a href='https:\/\/www.dmsjuridica.com\/buscador_20179478954\/corteconstitucionalcronologico202454587\/category\/buscar-en-toda-la-corte\/2013\/sentencias-2013\/' title='Sentencias 2013' class='pt-cv-tax-sentencias-2013'>Sentencias 2013<\/a><\/div>\n<h4 class=\"pt-cv-title\"><a href=\"https:\/\/www.dmsjuridica.com\/buscador_20179478954\/corteconstitucionalcronologico202454587\/c-197-13\/\" class=\"_self\" target=\"_self\" >C-197-13<\/a><\/h4>\n<div class=\"pt-cv-content\">\u00a0 \u00a0 \u00a0 \u00a0 \u00a0 \u00a0C-197-13 \u00a0 \u00a0 \u00a0 \u00a0 \u00a0 \u00a0\u00a0 Sentencia C-197\/13 \u00a0 \u00a0 EXCLUSION DE LAS TIRAS COMICAS \u00a0 O HISTORIETAS GRAFICAS Y FOTONOVELAS DEL CONCEPTO DE PUBLICACION DE CONTENIDO \u00a0 CULTURAL-Cosa juzgada constitucional respecto de la inexequibilidad de las \u00a0 expresiones \u201ctiras c\u00f3micas o historietas gr\u00e1ficas\u201d previstas en el \u00a0 art\u00edculo 2 de la Ley 98 de 1993 \u00a0 \u00a0 COSA JUZGADA CONSTITUCIONAL-Contenido \u00a0 y alcance \u00a0 \u00a0 Referencia: expediente D-9363 \u00a0 \u00a0 Demanda de inconstitucionalidad \u00a0 contra las expresiones \u201ctiras c\u00f3micas o historietas gr\u00e1ficas\u201d consagradas \u00a0 en el art\u00edculo 2 de la Ley 98 de ...<br \/><div class=\"pt-cv-rmwrap\"><a href=\"https:\/\/www.dmsjuridica.com\/buscador_20179478954\/corteconstitucionalcronologico202454587\/c-197-13\/\" class=\"_self pt-cv-readmore btn btn-success\" target=\"_self\">Ver Sentencia Completa...<\/a><\/div><\/div><\/div><\/div>\n<div class=\"col-md-12 col-sm-12 col-xs-12 pt-cv-content-item pt-cv-1-col\" ><div class='pt-cv-ifield'><a href=\"https:\/\/www.dmsjuridica.com\/buscador_20179478954\/corteconstitucionalcronologico202454587\/c-196-13\/\" class=\"_self pt-cv-href-thumbnail pt-cv-thumb-default\" target=\"_self\" ><\/a>\n<div class=\"pt-cv-taxoterm above_title\"><a href='https:\/\/www.dmsjuridica.com\/buscador_20179478954\/corteconstitucionalcronologico202454587\/category\/buscar-en-toda-la-corte\/2013\/sentencias-2013\/' title='Sentencias 2013' class='pt-cv-tax-sentencias-2013'>Sentencias 2013<\/a><\/div>\n<h4 class=\"pt-cv-title\"><a href=\"https:\/\/www.dmsjuridica.com\/buscador_20179478954\/corteconstitucionalcronologico202454587\/c-196-13\/\" class=\"_self\" target=\"_self\" >C-196-13<\/a><\/h4>\n<div class=\"pt-cv-content\">\u00a0 \u00a0 \u00a0 \u00a0 \u00a0 \u00a0C-196-13 \u00a0 \u00a0 \u00a0 \u00a0 \u00a0 \u00a0\u00a0 Sentencia C-196\/13 \u00a0 \u00a0 NORMAS PARA MODERNIZAR LA ORGANIZACION Y FUNCIONAMIENTO DE LOS \u00a0 MUNICIPIOS-Elecci\u00f3n de personeros municipales \u00a0 \u00a0 NORMAS PARA MODERNIZAR LA ORGANIZACION Y \u00a0 FUNCIONAMIENTO DE LOS MUNICIPIOS-Cosa juzgada constitucional respecto de la exequibilidad de la expresi\u00f3n \u00a0 \u201cprevio concurso de m\u00e9ritos\u201d contenida en el inciso 1 del art\u00edculo 35 de la \u00a0 ley 1551 de 2012 e inexequibilidad \u00a0de la expresi\u00f3n \u201cque realizar\u00e1 la \u00a0 Procuradur\u00eda General de la Naci\u00f3n\u201d contenida en incisos 1, 2, 4 y 5 del \u00a0 Art\u00edculo 35 de la ...<br \/><div class=\"pt-cv-rmwrap\"><a href=\"https:\/\/www.dmsjuridica.com\/buscador_20179478954\/corteconstitucionalcronologico202454587\/c-196-13\/\" class=\"_self pt-cv-readmore btn btn-success\" target=\"_self\">Ver Sentencia Completa...<\/a><\/div><\/div><\/div><\/div>\n<div class=\"col-md-12 col-sm-12 col-xs-12 pt-cv-content-item pt-cv-1-col\" ><div class='pt-cv-ifield'><a href=\"https:\/\/www.dmsjuridica.com\/buscador_20179478954\/corteconstitucionalcronologico202454587\/c-195-13\/\" class=\"_self pt-cv-href-thumbnail pt-cv-thumb-default\" target=\"_self\" ><\/a>\n<div class=\"pt-cv-taxoterm above_title\"><a href='https:\/\/www.dmsjuridica.com\/buscador_20179478954\/corteconstitucionalcronologico202454587\/category\/buscar-en-toda-la-corte\/2013\/sentencias-2013\/' title='Sentencias 2013' class='pt-cv-tax-sentencias-2013'>Sentencias 2013<\/a><\/div>\n<h4 class=\"pt-cv-title\"><a href=\"https:\/\/www.dmsjuridica.com\/buscador_20179478954\/corteconstitucionalcronologico202454587\/c-195-13\/\" class=\"_self\" target=\"_self\" >C-195-13<\/a><\/h4>\n<div class=\"pt-cv-content\">\u00a0 \u00a0 \u00a0 \u00a0 \u00a0 \u00a0C-195-13 \u00a0 \u00a0 \u00a0 \u00a0 \u00a0 \u00a0\u00a0 Sentencia C-195\/13 \u00a0 \u00a0 NORMAS ORIENTADAS A FORTALECER LOS MECANISMOS DE PREVENCION, \u00a0 INVESTIGACION Y SANCION DE ACTOS DE CORRUPCION Y EFECTIVIDAD DEL CONTROL DE LA \u00a0 GESTION PUBLICA-Fortalecimiento institucional de la \u00a0 Contralor\u00eda General de la Republica \u00a0 \u00a0 FORTALECIMIENTO INSTITUCIONAL DE LA CONTRALORIA GENERAL EN LEY \u00a0 SOBRE MECANISMOS DE PREVENCION, INVESTIGACION Y SANCION DE ACTOS DE CORRUPCION Y \u00a0 EFECTIVIDAD DEL CONTROL DE LA GESTION PUBLICA-Inhibici\u00f3n por ineptitud sustantiva de la \u00a0 demanda \u00a0 \u00a0 DEMANDA DE \u00a0 INCONSTITUCIONALIDAD-Requisitos \u00a0 \u00a0 DEMANDA DE \u00a0 INCONSTITUCIONALIDAD-Razones ...<br \/><div class=\"pt-cv-rmwrap\"><a href=\"https:\/\/www.dmsjuridica.com\/buscador_20179478954\/corteconstitucionalcronologico202454587\/c-195-13\/\" class=\"_self pt-cv-readmore btn btn-success\" target=\"_self\">Ver Sentencia Completa...<\/a><\/div><\/div><\/div><\/div>\n<div class=\"col-md-12 col-sm-12 col-xs-12 pt-cv-content-item pt-cv-1-col\" ><div class='pt-cv-ifield'><a href=\"https:\/\/www.dmsjuridica.com\/buscador_20179478954\/corteconstitucionalcronologico202454587\/c-194-13\/\" class=\"_self pt-cv-href-thumbnail pt-cv-thumb-default\" target=\"_self\" ><\/a>\n<div class=\"pt-cv-taxoterm above_title\"><a href='https:\/\/www.dmsjuridica.com\/buscador_20179478954\/corteconstitucionalcronologico202454587\/category\/buscar-en-toda-la-corte\/2013\/sentencias-2013\/' title='Sentencias 2013' class='pt-cv-tax-sentencias-2013'>Sentencias 2013<\/a><\/div>\n<h4 class=\"pt-cv-title\"><a href=\"https:\/\/www.dmsjuridica.com\/buscador_20179478954\/corteconstitucionalcronologico202454587\/c-194-13\/\" class=\"_self\" target=\"_self\" >C-194-13<\/a><\/h4>\n<div class=\"pt-cv-content\">\u00a0 \u00a0 \u00a0 \u00a0 \u00a0 \u00a0C-194-13 \u00a0 \u00a0 \u00a0 \u00a0 \u00a0 \u00a0\u00a0 Sentencia \u00a0 C-194\/13 \u00a0 \u00a0 ACCION PUBLICA DE INCONSTITUCIONALIDAD-Caracter\u00edsticas esenciales\/ACCION PUBLICA DE \u00a0 INCONSTITUCIONALIDAD-Requisitos \u00a0 \u00a0 La Corte ha sostenido en diferentes decisiones que la acci\u00f3n p\u00fablica de \u00a0 inconstitucionalidad tiene entre sus caracter\u00edsticas esenciales ser un espacio \u00a0 de participaci\u00f3n democr\u00e1tica, donde los ciudadanos ponen a consideraci\u00f3n de este \u00a0 Tribunal posibles contradicciones entre las normas legales y la Constituci\u00f3n, a \u00a0 efectos que, luego de un intenso debate entre las autoridades p\u00fablicas \u00a0 concernidas en el asunto, as\u00ed como las diversas instituciones de la sociedad \u00a0 ...<br \/><div class=\"pt-cv-rmwrap\"><a href=\"https:\/\/www.dmsjuridica.com\/buscador_20179478954\/corteconstitucionalcronologico202454587\/c-194-13\/\" class=\"_self pt-cv-readmore btn btn-success\" target=\"_self\">Ver Sentencia Completa...<\/a><\/div><\/div><\/div><\/div>\n<div class=\"col-md-12 col-sm-12 col-xs-12 pt-cv-content-item pt-cv-1-col\" ><div class='pt-cv-ifield'><a href=\"https:\/\/www.dmsjuridica.com\/buscador_20179478954\/corteconstitucionalcronologico202454587\/c-157-13\/\" class=\"_self pt-cv-href-thumbnail pt-cv-thumb-default\" target=\"_self\" ><\/a>\n<div class=\"pt-cv-taxoterm above_title\"><a href='https:\/\/www.dmsjuridica.com\/buscador_20179478954\/corteconstitucionalcronologico202454587\/category\/buscar-en-toda-la-corte\/2013\/sentencias-2013\/' title='Sentencias 2013' class='pt-cv-tax-sentencias-2013'>Sentencias 2013<\/a><\/div>\n<h4 class=\"pt-cv-title\"><a href=\"https:\/\/www.dmsjuridica.com\/buscador_20179478954\/corteconstitucionalcronologico202454587\/c-157-13\/\" class=\"_self\" target=\"_self\" >C-157-13<\/a><\/h4>\n<div class=\"pt-cv-content\">\u00a0 \u00a0 \u00a0 \u00a0 \u00a0 \u00a0C-157-13 \u00a0 \u00a0 \u00a0 \u00a0 \u00a0 \u00a0\u00a0 Sentencia C-157\/13 \u00a0 \u00a0 (Bogot\u00e1 DC., marzo 21 de 2013) \u00a0 \u00a0 SANCION POR FALTA DE DEMOSTRACION DE PERJUICIOS EN JURAMENTO ESTIMATORIO-Exequibilidad \u00a0 condicionada \u00a0 \u00a0 Si bien el legislador goza de una amplia libertad \u00a0 para configurar los procedimientos, no puede prever sanciones para una persona, \u00a0 a partir de un resultado, como el de que se nieguen las pretensiones por no \u00a0 haber demostrado los perjuicios, cuya causa sea imputable a hechos o motivos \u00a0 ajenos a la voluntad de la parte, ocurridos a pesar de ...<br \/><div class=\"pt-cv-rmwrap\"><a href=\"https:\/\/www.dmsjuridica.com\/buscador_20179478954\/corteconstitucionalcronologico202454587\/c-157-13\/\" class=\"_self pt-cv-readmore btn btn-success\" target=\"_self\">Ver Sentencia Completa...<\/a><\/div><\/div><\/div><\/div>\n<div class=\"col-md-12 col-sm-12 col-xs-12 pt-cv-content-item pt-cv-1-col\" ><div class='pt-cv-ifield'><a href=\"https:\/\/www.dmsjuridica.com\/buscador_20179478954\/corteconstitucionalcronologico202454587\/c-156-13\/\" class=\"_self pt-cv-href-thumbnail pt-cv-thumb-default\" target=\"_self\" ><\/a>\n<div class=\"pt-cv-taxoterm above_title\"><a href='https:\/\/www.dmsjuridica.com\/buscador_20179478954\/corteconstitucionalcronologico202454587\/category\/buscar-en-toda-la-corte\/2013\/sentencias-2013\/' title='Sentencias 2013' class='pt-cv-tax-sentencias-2013'>Sentencias 2013<\/a><\/div>\n<h4 class=\"pt-cv-title\"><a href=\"https:\/\/www.dmsjuridica.com\/buscador_20179478954\/corteconstitucionalcronologico202454587\/c-156-13\/\" class=\"_self\" target=\"_self\" >C-156-13<\/a><\/h4>\n<div class=\"pt-cv-content\">\u00a0 \u00a0 \u00a0 \u00a0 \u00a0 \u00a0C-156-13 \u00a0 \u00a0 \u00a0 \u00a0 \u00a0 \u00a0\u00a0 Sentencia C-156\/13 \u00a0 \u00a0 FUNCIONES DEL \u00a0 MINISTERIO DEL INTERIOR Y DE JUSTICIA EN MATERIA DE DESCONGESTION JUDICIAL-Inexequibilidad \u00a0 de las expresiones \u201cel ministerio de justicia y del derecho, o quien haga sus \u00a0 veces\u2026 y comisarios de familia\u201d, contenidas en el numeral 4 del art\u00edculo 24 de \u00a0 la ley 1564 de 2012, que subrog\u00f3 el articulo 199 de la ley 1450 de 2011 \u00a0 \u00a0 NORMA SOBRE FUNCIONES \u00a0 DEL MINISTERIO DEL INTERIOR Y DE JUSTICIA EN MATERIA DE DESCONGESTION JUDICIAL \u00a0 CONTENIDA EN LEY 1450 ...<br \/><div class=\"pt-cv-rmwrap\"><a href=\"https:\/\/www.dmsjuridica.com\/buscador_20179478954\/corteconstitucionalcronologico202454587\/c-156-13\/\" class=\"_self pt-cv-readmore btn btn-success\" target=\"_self\">Ver Sentencia Completa...<\/a><\/div><\/div><\/div><\/div>\n<div class=\"col-md-12 col-sm-12 col-xs-12 pt-cv-content-item pt-cv-1-col\" ><div class='pt-cv-ifield'><a href=\"https:\/\/www.dmsjuridica.com\/buscador_20179478954\/corteconstitucionalcronologico202454587\/c-129-13\/\" class=\"_self pt-cv-href-thumbnail pt-cv-thumb-default\" target=\"_self\" ><\/a>\n<div class=\"pt-cv-taxoterm above_title\"><a href='https:\/\/www.dmsjuridica.com\/buscador_20179478954\/corteconstitucionalcronologico202454587\/category\/buscar-en-toda-la-corte\/2013\/sentencias-2013\/' title='Sentencias 2013' class='pt-cv-tax-sentencias-2013'>Sentencias 2013<\/a><\/div>\n<h4 class=\"pt-cv-title\"><a href=\"https:\/\/www.dmsjuridica.com\/buscador_20179478954\/corteconstitucionalcronologico202454587\/c-129-13\/\" class=\"_self\" target=\"_self\" >C-129-13<\/a><\/h4>\n<div class=\"pt-cv-content\">\u00a0 \u00a0 \u00a0 \u00a0 \u00a0 \u00a0C-129-13 \u00a0 \u00a0 \u00a0 \u00a0 \u00a0 \u00a0\u00a0 Sentencia \u00a0 C-129\/13 \u00a0 \u00a0 Bogot\u00e1 D.C., \u00a0 marzo 13 de 2013 \u00a0 \u00a0 EXCLUSION DE TIRAS COMICAS E \u00a0 HISTORIETAS GRAFICAS DEL AMBITO DE LA LEY DE DEMOCRATIZACION Y FOMENTO DEL LIBRO \u00a0 COLOMBIANO-Cosa juzgada \u00a0 constitucional respecto de la inexequibilidad contenida en art\u00edculo 2 de la Ley \u00a0 98 de 1993 \u00a0 \u00a0 Demanda de inconstitucionalidad contra la \u00a0 expresi\u00f3n \u201ctiras c\u00f3micas o historietas gr\u00e1ficas\u201d del inciso segundo del \u00a0 art\u00edculo 2 de la Ley 98 de 1993. \u00a0 \u00a0\u00a0 Referencia: Expediente D-9251. \u00a0 \u00a0 Actores: ...<br \/><div class=\"pt-cv-rmwrap\"><a href=\"https:\/\/www.dmsjuridica.com\/buscador_20179478954\/corteconstitucionalcronologico202454587\/c-129-13\/\" class=\"_self pt-cv-readmore btn btn-success\" target=\"_self\">Ver Sentencia Completa...<\/a><\/div><\/div><\/div><\/div>\n<div class=\"col-md-12 col-sm-12 col-xs-12 pt-cv-content-item pt-cv-1-col\" ><div class='pt-cv-ifield'><a href=\"https:\/\/www.dmsjuridica.com\/buscador_20179478954\/corteconstitucionalcronologico202454587\/c-128-13\/\" class=\"_self pt-cv-href-thumbnail pt-cv-thumb-default\" target=\"_self\" ><\/a>\n<div class=\"pt-cv-taxoterm above_title\"><a href='https:\/\/www.dmsjuridica.com\/buscador_20179478954\/corteconstitucionalcronologico202454587\/category\/buscar-en-toda-la-corte\/2013\/sentencias-2013\/' title='Sentencias 2013' class='pt-cv-tax-sentencias-2013'>Sentencias 2013<\/a><\/div>\n<h4 class=\"pt-cv-title\"><a href=\"https:\/\/www.dmsjuridica.com\/buscador_20179478954\/corteconstitucionalcronologico202454587\/c-128-13\/\" class=\"_self\" target=\"_self\" >C-128-13<\/a><\/h4>\n<div class=\"pt-cv-content\">\u00a0 \u00a0 \u00a0 \u00a0 \u00a0 \u00a0C-128-13 \u00a0 \u00a0 \u00a0 \u00a0 \u00a0 \u00a0\u00a0 Sentencia \u00a0 C-128\/13 \u00a0 \u00a0 Bogot\u00e1 D. C., Marzo 13 de 2013 \u00a0 \u00a0 INAPLICACION DE CONFLICTO DE \u00a0 INTERESES A CONGRESISTAS CUANDO PARTICIPEN EN DEBATE Y APROBACION DE ACTOS \u00a0 LEGISLATIVOS-Existencia \u00a0 de cosa juzgada constitucional respecto de la inconstitucionalidad del acto \u00a0 legislativo 1 de 2011 \u00a0 \u00a0 Demanda de inconstitucionalidad contra el Acto \u00a0 legislativo 01 de 2011 \u201cpor el cual se adiciona el par\u00e1grafo del art\u00edculo 183 de \u00a0 la Constituci\u00f3n Pol\u00edtica de Colombia\u201d \u00a0 \u00a0\u00a0 Referencia: expedientes D-9151, D-9152, D-9153, D-9154, D-9155, \u00a0 ...<br \/><div class=\"pt-cv-rmwrap\"><a href=\"https:\/\/www.dmsjuridica.com\/buscador_20179478954\/corteconstitucionalcronologico202454587\/c-128-13\/\" class=\"_self pt-cv-readmore btn btn-success\" target=\"_self\">Ver Sentencia Completa...<\/a><\/div><\/div><\/div><\/div>\n<div class=\"col-md-12 col-sm-12 col-xs-12 pt-cv-content-item pt-cv-1-col\" ><div class='pt-cv-ifield'><a href=\"https:\/\/www.dmsjuridica.com\/buscador_20179478954\/corteconstitucionalcronologico202454587\/c-127-13\/\" class=\"_self pt-cv-href-thumbnail pt-cv-thumb-default\" target=\"_self\" ><\/a>\n<div class=\"pt-cv-taxoterm above_title\"><a href='https:\/\/www.dmsjuridica.com\/buscador_20179478954\/corteconstitucionalcronologico202454587\/category\/buscar-en-toda-la-corte\/2013\/sentencias-2013\/' title='Sentencias 2013' class='pt-cv-tax-sentencias-2013'>Sentencias 2013<\/a><\/div>\n<h4 class=\"pt-cv-title\"><a href=\"https:\/\/www.dmsjuridica.com\/buscador_20179478954\/corteconstitucionalcronologico202454587\/c-127-13\/\" class=\"_self\" target=\"_self\" >C-127-13<\/a><\/h4>\n<div class=\"pt-cv-content\">\u00a0 \u00a0 \u00a0 \u00a0 \u00a0 \u00a0C-127-13 \u00a0 \u00a0 \u00a0 \u00a0 \u00a0 \u00a0\u00a0 Sentencia C-127\/13 \u00a0 \u00a0 ACUERDO DE COOPERACION CULTURAL ENTRE EL GOBIERNO DE LA \u00a0 REPUBLICA DE COLOMBIA Y EL GOBIERNO DE LA REPUBLICA ARGELINA DEMOCRATICA Y \u00a0 POPULAR-Se ajusta a los \u00a0 par\u00e1metros, valores, principios y deberes del estado en materia de \u00a0 internacionalizaci\u00f3n de la relaciones culturales y el fomento del acceso a la \u00a0 cultura \u00a0 \u00a0 Agotado el \u00a0 an\u00e1lisis del instrumento aprobado mediante Ley 1567 de 2012, tanto en su aspecto \u00a0 formal como material, considera la Corte que aqu\u00e9l se ajusta integralmente a ...<br \/><div class=\"pt-cv-rmwrap\"><a href=\"https:\/\/www.dmsjuridica.com\/buscador_20179478954\/corteconstitucionalcronologico202454587\/c-127-13\/\" class=\"_self pt-cv-readmore btn btn-success\" target=\"_self\">Ver Sentencia Completa...<\/a><\/div><\/div><\/div><\/div>\n<div class=\"col-md-12 col-sm-12 col-xs-12 pt-cv-content-item pt-cv-1-col\" ><div class='pt-cv-ifield'><a href=\"https:\/\/www.dmsjuridica.com\/buscador_20179478954\/corteconstitucionalcronologico202454587\/c-126-13\/\" class=\"_self pt-cv-href-thumbnail pt-cv-thumb-default\" target=\"_self\" ><\/a>\n<div class=\"pt-cv-taxoterm above_title\"><a href='https:\/\/www.dmsjuridica.com\/buscador_20179478954\/corteconstitucionalcronologico202454587\/category\/buscar-en-toda-la-corte\/2013\/sentencias-2013\/' title='Sentencias 2013' class='pt-cv-tax-sentencias-2013'>Sentencias 2013<\/a><\/div>\n<h4 class=\"pt-cv-title\"><a href=\"https:\/\/www.dmsjuridica.com\/buscador_20179478954\/corteconstitucionalcronologico202454587\/c-126-13\/\" class=\"_self\" target=\"_self\" >C-126-13<\/a><\/h4>\n<div class=\"pt-cv-content\">\u00a0 \u00a0 \u00a0 \u00a0 \u00a0 \u00a0C-126-13 \u00a0 \u00a0 \u00a0 \u00a0 \u00a0 \u00a0\u00a0 Sentencia C-126\/13 \u00a0 \u00a0 INHIBICION DE LA CORTE CONSTITUCIONAL POR INEPTITUD \u00a0 SUSTANTVA DE LA DEMANDA-Ausencia de \u00a0 argumentos y razones en cargos de inconstitucionalidad \u00a0 \u00a0 Demanda de inconstitucionalidad contra el art\u00edculo 45 \u00a0 (parcial) de la Ley 1551 de 2012. \u00a0 \u00a0 Demandante: \u00a0 \u00a0 Mauricio Fernando Rodr\u00edguez Tamayo \u00a0 \u00a0 Magistrado Sustanciador: \u00a0 \u00a0 ALEXEI JULIO ESTRADA \u00a0 \u00a0 Bogot\u00e1, D.C., trece (13) de marzo de dos mil trece \u00a0 (2013) \u00a0 \u00a0 I.\u00a0\u00a0\u00a0 \u00a0ANTECEDENTES \u00a0 \u00a0 En ejercicio de la acci\u00f3n p\u00fablica consagrada en ...<br \/><div class=\"pt-cv-rmwrap\"><a href=\"https:\/\/www.dmsjuridica.com\/buscador_20179478954\/corteconstitucionalcronologico202454587\/c-126-13\/\" class=\"_self pt-cv-readmore btn btn-success\" target=\"_self\">Ver Sentencia Completa...<\/a><\/div><\/div><\/div><\/div>\n<div class=\"col-md-12 col-sm-12 col-xs-12 pt-cv-content-item pt-cv-1-col\" ><div class='pt-cv-ifield'><a href=\"https:\/\/www.dmsjuridica.com\/buscador_20179478954\/corteconstitucionalcronologico202454587\/c-125-13\/\" class=\"_self pt-cv-href-thumbnail pt-cv-thumb-default\" target=\"_self\" ><\/a>\n<div class=\"pt-cv-taxoterm above_title\"><a href='https:\/\/www.dmsjuridica.com\/buscador_20179478954\/corteconstitucionalcronologico202454587\/category\/buscar-en-toda-la-corte\/2013\/sentencias-2013\/' title='Sentencias 2013' class='pt-cv-tax-sentencias-2013'>Sentencias 2013<\/a><\/div>\n<h4 class=\"pt-cv-title\"><a href=\"https:\/\/www.dmsjuridica.com\/buscador_20179478954\/corteconstitucionalcronologico202454587\/c-125-13\/\" class=\"_self\" target=\"_self\" >C-125-13<\/a><\/h4>\n<div class=\"pt-cv-content\">\u00a0 \u00a0 \u00a0 \u00a0 \u00a0 \u00a0C-125-13 \u00a0 \u00a0 \u00a0 \u00a0 \u00a0 \u00a0\u00a0 Sentencia C-125\/13 \u00a0 \u00a0 CODIGO CIVIL-Afinidad leg\u00edtima \u00a0 \u00a0 AFINIDAD LEGITIMA-Condici\u00f3n de la persona de haber estado casada \u00a0 \u00a0 CODIGO CIVIL-Definiciones de varias palabras de uso \u00a0 frecuente en las leyes \u00a0 \u00a0 INHABILIDADES PARA \u00a0 EMPLEADOS PUBLICOS-Contenido y alcance \u00a0 \u00a0 DEMANDA DE \u00a0 INCONSTITUCIONALIDAD EN MATERIA DE AFINIDAD LEGITIMA CONTENIDA EN CODIGO CIVIL-Ineptitud sustantiva por ausencia de integraci\u00f3n normativa\/DEMANDA \u00a0 DE INCONSTITUCIONALIDAD EN MATERIA DE AFINIDAD LEGITIMA CONTENIDA EN CODIGO \u00a0 CIVIL-Inhibici\u00f3n para un pronunciamiento de fondo \u00a0 \u00a0 \u00a0UNIDAD NORMATIVA-Jurisprudencia constitucional\/INTEGRACION DE UNIDAD NORMATIVA-Car\u00e1cter ...<br \/><div class=\"pt-cv-rmwrap\"><a href=\"https:\/\/www.dmsjuridica.com\/buscador_20179478954\/corteconstitucionalcronologico202454587\/c-125-13\/\" class=\"_self pt-cv-readmore btn btn-success\" target=\"_self\">Ver Sentencia Completa...<\/a><\/div><\/div><\/div><\/div>\n<div class=\"col-md-12 col-sm-12 col-xs-12 pt-cv-content-item pt-cv-1-col\" ><div class='pt-cv-ifield'><a href=\"https:\/\/www.dmsjuridica.com\/buscador_20179478954\/corteconstitucionalcronologico202454587\/c-124-13\/\" class=\"_self pt-cv-href-thumbnail pt-cv-thumb-default\" target=\"_self\" ><\/a>\n<div class=\"pt-cv-taxoterm above_title\"><a href='https:\/\/www.dmsjuridica.com\/buscador_20179478954\/corteconstitucionalcronologico202454587\/category\/buscar-en-toda-la-corte\/2013\/sentencias-2013\/' title='Sentencias 2013' class='pt-cv-tax-sentencias-2013'>Sentencias 2013<\/a><\/div>\n<h4 class=\"pt-cv-title\"><a href=\"https:\/\/www.dmsjuridica.com\/buscador_20179478954\/corteconstitucionalcronologico202454587\/c-124-13\/\" class=\"_self\" target=\"_self\" >C-124-13<\/a><\/h4>\n<div class=\"pt-cv-content\">\u00a0 \u00a0 \u00a0 \u00a0 \u00a0 \u00a0C-124-13 \u00a0 \u00a0 \u00a0 \u00a0 \u00a0 \u00a0\u00a0 Sentencia C-124\/13 \u00a0 \u00a0 REGULACION \u00a0 ECONOMICA SOBRE ESPECTACULOS PUBLICOS-Control de las sociedades de gesti\u00f3n \u00a0 colectiva de derechos de autor y conexos en la explotaci\u00f3n de dichos \u00a0 espect\u00e1culos \u00a0 \u00a0 CONTROL DE \u00a0 SOCIEDADES DE GESTION COLECTIVA DE DERECHOS DE AUTOR Y CONEXOS EN LA EXPLOTACION \u00a0 DE ESPECTACULOS PUBLICOS-Respeto del principio de unidad de \u00a0 materia \u00a0 \u00a0 MEDIDAS PARA \u00a0 FORMALIZAR EL SECTOR DEL ESPECTACULO PUBLICO DE ARTES ESCENICAS-Contenido \u00a0 \u00a0 MEDIDAS PARA \u00a0 FORMALIZAR EL SECTOR DEL ESPECTACULO PUBLICO DE ARTES ESCENICAS-L\u00edmite en ...<br \/><div class=\"pt-cv-rmwrap\"><a href=\"https:\/\/www.dmsjuridica.com\/buscador_20179478954\/corteconstitucionalcronologico202454587\/c-124-13\/\" class=\"_self pt-cv-readmore btn btn-success\" target=\"_self\">Ver Sentencia Completa...<\/a><\/div><\/div><\/div><\/div>\n<div class=\"col-md-12 col-sm-12 col-xs-12 pt-cv-content-item pt-cv-1-col\" ><div class='pt-cv-ifield'><a href=\"https:\/\/www.dmsjuridica.com\/buscador_20179478954\/corteconstitucionalcronologico202454587\/c-123-13\/\" class=\"_self pt-cv-href-thumbnail pt-cv-thumb-default\" target=\"_self\" ><\/a>\n<div class=\"pt-cv-taxoterm above_title\"><a href='https:\/\/www.dmsjuridica.com\/buscador_20179478954\/corteconstitucionalcronologico202454587\/category\/buscar-en-toda-la-corte\/2013\/sentencias-2013\/' title='Sentencias 2013' class='pt-cv-tax-sentencias-2013'>Sentencias 2013<\/a><\/div>\n<h4 class=\"pt-cv-title\"><a href=\"https:\/\/www.dmsjuridica.com\/buscador_20179478954\/corteconstitucionalcronologico202454587\/c-123-13\/\" class=\"_self\" target=\"_self\" >C-123-13<\/a><\/h4>\n<div class=\"pt-cv-content\">\u00a0 \u00a0 \u00a0 \u00a0 \u00a0 \u00a0C-123-13 \u00a0 \u00a0 \u00a0 \u00a0 \u00a0 \u00a0\u00a0 Sentencia C-123\/13 \u00a0 \u00a0 CREACION DEL SUB-SISTEMA NACIONAL DE VOLUNTARIOS DE \u00a0 PRIMERA RESPUESTA Y SE OTORGAN ESTIMULOS A LOS VOLUNTARIOS DE LA DEFENSA CIVIL, \u00a0 DE LOS CUERPOS DE BOMBEROS DE COLOMBIA Y DE LA CRUZ ROJA COLOMBIANA-Desconocimiento del m\u00e9rito como criterio de selecci\u00f3n y \u00a0 del derecho a la igualdad, en puntaje adicional para acceder a cargos p\u00fablicos \u00a0 \u00a0 ACCESO AL DESEMPE\u00d1O DE FUNCIONES Y CARGOS PUBLICOS-Contenido y alcance\/ACCESO AL DESEMPE\u00d1O DE FUNCIONES \u00a0 Y CARGOS PUBLICOS-Merito y proceso de selecci\u00f3n\/CONCURSO PUBLICO-Importancia\/PROCESO \u00a0 DE SELECCION ...<br \/><div class=\"pt-cv-rmwrap\"><a href=\"https:\/\/www.dmsjuridica.com\/buscador_20179478954\/corteconstitucionalcronologico202454587\/c-123-13\/\" class=\"_self pt-cv-readmore btn btn-success\" target=\"_self\">Ver Sentencia Completa...<\/a><\/div><\/div><\/div><\/div>\n<div class=\"col-md-12 col-sm-12 col-xs-12 pt-cv-content-item pt-cv-1-col\" ><div class='pt-cv-ifield'><a href=\"https:\/\/www.dmsjuridica.com\/buscador_20179478954\/corteconstitucionalcronologico202454587\/c-122-13\/\" class=\"_self pt-cv-href-thumbnail pt-cv-thumb-default\" target=\"_self\" ><\/a>\n<div class=\"pt-cv-taxoterm above_title\"><a href='https:\/\/www.dmsjuridica.com\/buscador_20179478954\/corteconstitucionalcronologico202454587\/category\/buscar-en-toda-la-corte\/2013\/sentencias-2013\/' title='Sentencias 2013' class='pt-cv-tax-sentencias-2013'>Sentencias 2013<\/a><\/div>\n<h4 class=\"pt-cv-title\"><a href=\"https:\/\/www.dmsjuridica.com\/buscador_20179478954\/corteconstitucionalcronologico202454587\/c-122-13\/\" class=\"_self\" target=\"_self\" >C-122-13<\/a><\/h4>\n<div class=\"pt-cv-content\">\u00a0 \u00a0 \u00a0 \u00a0 \u00a0 \u00a0C-122-13 \u00a0 \u00a0 \u00a0 \u00a0 \u00a0 \u00a0\u00a0 Bogot\u00e1, DC, 13 de \u00a0 marzo de 2013 \u00a0 \u00a0 MARCO GENERAL PARA LA LIBRANZA \u00a0 O DESCUENTO DIRECTO-Retenci\u00f3n en los pagos a trabajadores independientes \u00a0 \u00a0 RETENCION EN LOS PAGOS A TRABAJADORES INDEPENDIENTES-Inhibici\u00f3n para emitir un pronunciamiento de fondo \u00a0 acerca de la constitucionalidad de una norma que ha sido derogada y no contin\u00faa \u00a0 produciendo efectos en el ordenamiento jur\u00eddico \u00a0 \u00a0 \u00a0 \u00a0 \u00a0 \u00a0\u00a0 Ref: Expediente D-9241 \u00a0 \u00a0 Actor: Karol Jhullieth \u00a0\u00a0 \u00a0 \u00a0 \u00a0 \u00a0Palacios Mej\u00eda. \u00a0 \u00a0 Demanda de \u00a0\u00a0 \u00a0 ...<br \/><div class=\"pt-cv-rmwrap\"><a href=\"https:\/\/www.dmsjuridica.com\/buscador_20179478954\/corteconstitucionalcronologico202454587\/c-122-13\/\" class=\"_self pt-cv-readmore btn btn-success\" target=\"_self\">Ver Sentencia Completa...<\/a><\/div><\/div><\/div><\/div>\n<div class=\"col-md-12 col-sm-12 col-xs-12 pt-cv-content-item pt-cv-1-col\" ><div class='pt-cv-ifield'><a href=\"https:\/\/www.dmsjuridica.com\/buscador_20179478954\/corteconstitucionalcronologico202454587\/c-121-13\/\" class=\"_self pt-cv-href-thumbnail pt-cv-thumb-default\" target=\"_self\" ><\/a>\n<div class=\"pt-cv-taxoterm above_title\"><a href='https:\/\/www.dmsjuridica.com\/buscador_20179478954\/corteconstitucionalcronologico202454587\/category\/buscar-en-toda-la-corte\/2013\/sentencias-2013\/' title='Sentencias 2013' class='pt-cv-tax-sentencias-2013'>Sentencias 2013<\/a><\/div>\n<h4 class=\"pt-cv-title\"><a href=\"https:\/\/www.dmsjuridica.com\/buscador_20179478954\/corteconstitucionalcronologico202454587\/c-121-13\/\" class=\"_self\" target=\"_self\" >C-121-13<\/a><\/h4>\n<div class=\"pt-cv-content\">\u00a0 \u00a0 \u00a0 \u00a0 \u00a0 \u00a0C-121-13 \u00a0 \u00a0 \u00a0 \u00a0 \u00a0 \u00a0\u00a0 Sentencia C-121\/13 \u00a0 \u00a0 \u00a0(Bogot\u00e1\u00a0 D.C., marzo 13 de 2013) \u00a0 \u00a0 ACTO LEGISLATIVO 05 DE 2011-Sistema general de regal\u00edas \u00a0 \u00a0 NORMA QUE CONSTITUYE EL SISTEMA GENERAL DE REGALIAS Y MODIFICA LOS \u00a0 ARTICULOS 360 Y 361 DE LA CONSTITUCION POLITICA-Cosa juzgada constitucional respecto de \u00a0 la ausencia de vicios competenciales \u00a0 \u00a0 En la \u00a0 sentencia C-010 de 2013, la Corte Constitucional declar\u00f3 la exequibilidad, por \u00a0 los cargos en aquella oportunidad analizados, del acto legislativo 5 de 2011 \u201cPor el \u00a0 cual se constituye el ...<br \/><div class=\"pt-cv-rmwrap\"><a href=\"https:\/\/www.dmsjuridica.com\/buscador_20179478954\/corteconstitucionalcronologico202454587\/c-121-13\/\" class=\"_self pt-cv-readmore btn btn-success\" target=\"_self\">Ver Sentencia Completa...<\/a><\/div><\/div><\/div><\/div>\n<div class=\"col-md-12 col-sm-12 col-xs-12 pt-cv-content-item pt-cv-1-col\" ><div class='pt-cv-ifield'><a href=\"https:\/\/www.dmsjuridica.com\/buscador_20179478954\/corteconstitucionalcronologico202454587\/c-120-13\/\" class=\"_self pt-cv-href-thumbnail pt-cv-thumb-default\" target=\"_self\" ><\/a>\n<div class=\"pt-cv-taxoterm above_title\"><a href='https:\/\/www.dmsjuridica.com\/buscador_20179478954\/corteconstitucionalcronologico202454587\/category\/buscar-en-toda-la-corte\/2013\/sentencias-2013\/' title='Sentencias 2013' class='pt-cv-tax-sentencias-2013'>Sentencias 2013<\/a><\/div>\n<h4 class=\"pt-cv-title\"><a href=\"https:\/\/www.dmsjuridica.com\/buscador_20179478954\/corteconstitucionalcronologico202454587\/c-120-13\/\" class=\"_self\" target=\"_self\" >C-120-13<\/a><\/h4>\n<div class=\"pt-cv-content\">\u00a0 \u00a0 \u00a0 \u00a0 \u00a0 \u00a0C-120-13 \u00a0 \u00a0 \u00a0 \u00a0 \u00a0 \u00a0\u00a0 Sentencia C-120\/13 \u00a0 \u00a0 ACCION DE DECLARACION DE AUSENCIA POR DESAPARICION \u00a0 FORZADA Y OTRAS FORMAS DE DESAPARICION INVOLUNTARIA Y SUS EFECTOS CIVILES-Exequibilidad condicionada de la expresi\u00f3n \u201cde la \u00a0 familia y de los hijos menores\u201d, contenida en el literal d) del art\u00edculo 7\u00b0 de \u00a0 la ley 1531 de 2012 \u00a0 \u00a0 La expresi\u00f3n \u201cde la \u00a0 familia y de los hijos menores\u201d contenida en el literal d) del art\u00edculo \u00a0 7\u00b0 de la Ley 1531 de 2012, es declarada \u00a0 exequible, bajo el entendido de que ...<br \/><div class=\"pt-cv-rmwrap\"><a href=\"https:\/\/www.dmsjuridica.com\/buscador_20179478954\/corteconstitucionalcronologico202454587\/c-120-13\/\" class=\"_self pt-cv-readmore btn btn-success\" target=\"_self\">Ver Sentencia Completa...<\/a><\/div><\/div><\/div><\/div>\n<div class=\"col-md-12 col-sm-12 col-xs-12 pt-cv-content-item pt-cv-1-col\" ><div class='pt-cv-ifield'><a href=\"https:\/\/www.dmsjuridica.com\/buscador_20179478954\/corteconstitucionalcronologico202454587\/c-110-13\/\" class=\"_self pt-cv-href-thumbnail pt-cv-thumb-default\" target=\"_self\" ><\/a>\n<div class=\"pt-cv-taxoterm above_title\"><a href='https:\/\/www.dmsjuridica.com\/buscador_20179478954\/corteconstitucionalcronologico202454587\/category\/buscar-en-toda-la-corte\/2013\/sentencias-2013\/' title='Sentencias 2013' class='pt-cv-tax-sentencias-2013'>Sentencias 2013<\/a><\/div>\n<h4 class=\"pt-cv-title\"><a href=\"https:\/\/www.dmsjuridica.com\/buscador_20179478954\/corteconstitucionalcronologico202454587\/c-110-13\/\" class=\"_self\" target=\"_self\" >C-110-13<\/a><\/h4>\n<div class=\"pt-cv-content\">\u00a0 \u00a0 \u00a0 \u00a0 \u00a0 \u00a0C-110-13 \u00a0 \u00a0 \u00a0 \u00a0 \u00a0 \u00a0\u00a0 \u00a0Sentencia C-110\/13 \u00a0 \u00a0 SISTEMA DE SEGURIDAD \u00a0 SOCIAL INTEGRAL-Requisito de semanas m\u00ednimas de cotizaci\u00f3n para obtener la \u00a0 pensi\u00f3n de invalidez \u00a0 \u00a0 REQUISITO DE SEMANAS \u00a0 MINIMAS DE COTIZACION PARA OBTENER LA PENSION DE INVALIDEZ-Inhibici\u00f3n para decidir de \u00a0 fondo por ineptitud sustantiva de la demanda \u00a0 \u00a0 DEMADA DE INCONSTITUCIONALIDAD-Requisitos \u00a0 \u00a0 DEMANDA DE INCONSTITUCIONALIDAD-Razones deben ser claras, ciertas, espec\u00edficas, \u00a0 pertinentes y suficientes \u00a0 \u00a0 DEMANDA DE INCONSTITUCIONALIDAD-Casos particulares o \u00a0 discrepancia sobre un sistema de seguridad social no permiten estructurar un \u00a0 cargo ...<br \/><div class=\"pt-cv-rmwrap\"><a href=\"https:\/\/www.dmsjuridica.com\/buscador_20179478954\/corteconstitucionalcronologico202454587\/c-110-13\/\" class=\"_self pt-cv-readmore btn btn-success\" target=\"_self\">Ver Sentencia Completa...<\/a><\/div><\/div><\/div><\/div>\n<div class=\"col-md-12 col-sm-12 col-xs-12 pt-cv-content-item pt-cv-1-col\" ><div class='pt-cv-ifield'><a href=\"https:\/\/www.dmsjuridica.com\/buscador_20179478954\/corteconstitucionalcronologico202454587\/c-109-13\/\" class=\"_self pt-cv-href-thumbnail pt-cv-thumb-default\" target=\"_self\" ><\/a>\n<div class=\"pt-cv-taxoterm above_title\"><a href='https:\/\/www.dmsjuridica.com\/buscador_20179478954\/corteconstitucionalcronologico202454587\/category\/buscar-en-toda-la-corte\/2013\/sentencias-2013\/' title='Sentencias 2013' class='pt-cv-tax-sentencias-2013'>Sentencias 2013<\/a><\/div>\n<h4 class=\"pt-cv-title\"><a href=\"https:\/\/www.dmsjuridica.com\/buscador_20179478954\/corteconstitucionalcronologico202454587\/c-109-13\/\" class=\"_self\" target=\"_self\" >C-109-13<\/a><\/h4>\n<div class=\"pt-cv-content\">\u00a0 \u00a0 \u00a0 \u00a0 \u00a0 \u00a0C-109-13 \u00a0 \u00a0 \u00a0 \u00a0 \u00a0 \u00a0\u00a0 Sentencia C-109\/13 \u00a0 \u00a0 IMPLEMENTACION DE \u00a0 COMPROMISOS ADQUIRIDOS POR VIRTUD DEL ACUERDO DE PROMOCION COMERCIAL ENTRE LA \u00a0 REPUBLICA DE COLOMBIA Y LOS ESTADOS UNIDOS DE AMERICA Y SU PROTOCOLO \u00a0 MODIFICATORIO-Cosa juzgada constitucional respecto de inexequibilidad por vicios de \u00a0 procedimiento \u00a0 \u00a0 IMPLEMENTACION DE \u00a0 COMPROMISOS ADQUIRIDOS POR VIRTUD DEL ACUERDO DE PROMOCION COMERCIAL ENTRE LA \u00a0 REPUBLICA DE COLOMBIA Y LOS ESTADOS UNIDOS DE AMERICA Y SU PROTOCOLO \u00a0 MODIFICATORIO-Normas relativas a los \u00a0 derechos de autor y derechos conexos \u00a0 \u00a0 COSA JUZGADA ...<br \/><div class=\"pt-cv-rmwrap\"><a href=\"https:\/\/www.dmsjuridica.com\/buscador_20179478954\/corteconstitucionalcronologico202454587\/c-109-13\/\" class=\"_self pt-cv-readmore btn btn-success\" target=\"_self\">Ver Sentencia Completa...<\/a><\/div><\/div><\/div><\/div>\n<div class=\"col-md-12 col-sm-12 col-xs-12 pt-cv-content-item pt-cv-1-col\" ><div class='pt-cv-ifield'><a href=\"https:\/\/www.dmsjuridica.com\/buscador_20179478954\/corteconstitucionalcronologico202454587\/c-108-13\/\" class=\"_self pt-cv-href-thumbnail pt-cv-thumb-default\" target=\"_self\" ><\/a>\n<div class=\"pt-cv-taxoterm above_title\"><a href='https:\/\/www.dmsjuridica.com\/buscador_20179478954\/corteconstitucionalcronologico202454587\/category\/buscar-en-toda-la-corte\/2013\/sentencias-2013\/' title='Sentencias 2013' class='pt-cv-tax-sentencias-2013'>Sentencias 2013<\/a><\/div>\n<h4 class=\"pt-cv-title\"><a href=\"https:\/\/www.dmsjuridica.com\/buscador_20179478954\/corteconstitucionalcronologico202454587\/c-108-13\/\" class=\"_self\" target=\"_self\" >C-108-13<\/a><\/h4>\n<div class=\"pt-cv-content\">\u00a0 \u00a0 \u00a0 \u00a0 \u00a0 \u00a0C-108-13 \u00a0 \u00a0 \u00a0 \u00a0 \u00a0 \u00a0\u00a0 Sentencia C-108\/13 \u00a0 \u00a0 OPERACION DEL SISTEMA GENERAL DE REGALIAS-Distribuci\u00f3n \u00a0 de los m\u00e1rgenes de comercializaci\u00f3n de la agencia nacional de hidrocarburos \u00a0 \u00a0 DISTRIBUCION \u00a0 DE LOS MARGENES DE COMERCIALIZACION DE LA AGENCIA NACIONAL DE HIDROCARBUROS-Inhibici\u00f3n \u00a0 para pronunciarse por ineptitud sustantiva de la demanda \u00a0 \u00a0 DEMANDA DE INCONSTITUCIONALIDAD-Requisitos \u00a0 \u00a0 DEMANDA DE INCONSTITUCIONALIDAD-Razones deben ser claras, ciertas, espec\u00edficas, pertinentes y \u00a0 suficientes \u00a0 \u00a0 Referencia: expediente \u00a0 D-9216 \u00a0 \u00a0 Demanda de \u00a0 inconstitucionalidad contra el art\u00edculo 156 (parcial) del Decreto 4923 del 26 de ...<br \/><div class=\"pt-cv-rmwrap\"><a href=\"https:\/\/www.dmsjuridica.com\/buscador_20179478954\/corteconstitucionalcronologico202454587\/c-108-13\/\" class=\"_self pt-cv-readmore btn btn-success\" target=\"_self\">Ver Sentencia Completa...<\/a><\/div><\/div><\/div><\/div>\n<div class=\"col-md-12 col-sm-12 col-xs-12 pt-cv-content-item pt-cv-1-col\" ><div class='pt-cv-ifield'><a href=\"https:\/\/www.dmsjuridica.com\/buscador_20179478954\/corteconstitucionalcronologico202454587\/c-107-13\/\" class=\"_self pt-cv-href-thumbnail pt-cv-thumb-default\" target=\"_self\" ><\/a>\n<div class=\"pt-cv-taxoterm above_title\"><a href='https:\/\/www.dmsjuridica.com\/buscador_20179478954\/corteconstitucionalcronologico202454587\/category\/buscar-en-toda-la-corte\/2013\/sentencias-2013\/' title='Sentencias 2013' class='pt-cv-tax-sentencias-2013'>Sentencias 2013<\/a><\/div>\n<h4 class=\"pt-cv-title\"><a href=\"https:\/\/www.dmsjuridica.com\/buscador_20179478954\/corteconstitucionalcronologico202454587\/c-107-13\/\" class=\"_self\" target=\"_self\" >C-107-13<\/a><\/h4>\n<div class=\"pt-cv-content\">\u00a0 \u00a0 \u00a0 \u00a0 \u00a0 \u00a0C-107-13 \u00a0 \u00a0 \u00a0 \u00a0 \u00a0 \u00a0\u00a0 Sentencia C-107\/13 \u00a0 \u00a0 NORMAS PARA MODERNIZAR LA ORGANIZACION Y EL FUNCIONAMIENTO DE LOS MUNICIPIOS-Control \u00a0 pol\u00edtico de los concejos municipales a las empresas de servicios p\u00fablicos \u00a0 domiciliarios \u00a0 \u00a0 NORMAS PARA MODERNIZAR LA ORGANIZACION Y EL FUNCIONAMIENTO DE LOS MUNICIPIOS-Facultad \u00a0 imprecisa y equ\u00edvoca a los alcaldes para imponer multas convertibles en arresto \u00a0 a quienes les desobedezcan o falten al respeto\/NORMA SOBRE FACULTAD \u00a0 SANCIONATORIA DE ALCALDES-Indeterminaci\u00f3n conduce a un problema \u00a0 institucional u org\u00e1nico de ordenamiento\u00a0 constitucional \u00a0 \u00a0 La disposici\u00f3n no ofrece suficiente ...<br \/><div class=\"pt-cv-rmwrap\"><a href=\"https:\/\/www.dmsjuridica.com\/buscador_20179478954\/corteconstitucionalcronologico202454587\/c-107-13\/\" class=\"_self pt-cv-readmore btn btn-success\" target=\"_self\">Ver Sentencia Completa...<\/a><\/div><\/div><\/div><\/div>\n<div class=\"col-md-12 col-sm-12 col-xs-12 pt-cv-content-item pt-cv-1-col\" ><div class='pt-cv-ifield'><a href=\"https:\/\/www.dmsjuridica.com\/buscador_20179478954\/corteconstitucionalcronologico202454587\/c-106-13\/\" class=\"_self pt-cv-href-thumbnail pt-cv-thumb-default\" target=\"_self\" ><\/a>\n<div class=\"pt-cv-taxoterm above_title\"><a href='https:\/\/www.dmsjuridica.com\/buscador_20179478954\/corteconstitucionalcronologico202454587\/category\/buscar-en-toda-la-corte\/2013\/sentencias-2013\/' title='Sentencias 2013' class='pt-cv-tax-sentencias-2013'>Sentencias 2013<\/a><\/div>\n<h4 class=\"pt-cv-title\"><a href=\"https:\/\/www.dmsjuridica.com\/buscador_20179478954\/corteconstitucionalcronologico202454587\/c-106-13\/\" class=\"_self\" target=\"_self\" >C-106-13<\/a><\/h4>\n<div class=\"pt-cv-content\">\u00a0 \u00a0 \u00a0 \u00a0 \u00a0 \u00a0C-106-13 \u00a0 \u00a0 \u00a0 \u00a0 \u00a0 \u00a0\u00a0 Sentencia C-106\/13 \u00a0 \u00a0 ACTO LEGISLATIVO \u00a0 05 DE 2011 QUE CONSTITUYE EL SISTEMA GENERAL DE REGALIAS-Competencia de la \u00a0 Corte Constitucional para su estudio \u00a0 \u00a0 DEMANDA DE \u00a0 INCONSTITUCIONALIDAD CONTRA EL ACTO LEGISLATIVO 05 DE 2011-Inexistencia de \u00a0 caducidad \u00a0 \u00a0 JUICIO DE \u00a0 SUSTITUCION DE LA CONSTITUCION-Elementos del \u00e1mbito de control \u00a0 \u00a0 DEMANDA DE \u00a0 INCONSTITUCIONALIDAD CONTRA EL ACTO LEGISLATIVO 05 DE 2011-Cosa juzgada \u00a0 constitucional respecto del cargo por exceso en la competencia del Congreso de \u00a0 la Rep\u00fablica como poder constituyente derivado ...<br \/><div class=\"pt-cv-rmwrap\"><a href=\"https:\/\/www.dmsjuridica.com\/buscador_20179478954\/corteconstitucionalcronologico202454587\/c-106-13\/\" class=\"_self pt-cv-readmore btn btn-success\" target=\"_self\">Ver Sentencia Completa...<\/a><\/div><\/div><\/div><\/div>\n<div class=\"col-md-12 col-sm-12 col-xs-12 pt-cv-content-item pt-cv-1-col\" ><div class='pt-cv-ifield'><a href=\"https:\/\/www.dmsjuridica.com\/buscador_20179478954\/corteconstitucionalcronologico202454587\/c-105-13\/\" class=\"_self pt-cv-href-thumbnail pt-cv-thumb-default\" target=\"_self\" ><\/a>\n<div class=\"pt-cv-taxoterm above_title\"><a href='https:\/\/www.dmsjuridica.com\/buscador_20179478954\/corteconstitucionalcronologico202454587\/category\/buscar-en-toda-la-corte\/2013\/sentencias-2013\/' title='Sentencias 2013' class='pt-cv-tax-sentencias-2013'>Sentencias 2013<\/a><\/div>\n<h4 class=\"pt-cv-title\"><a href=\"https:\/\/www.dmsjuridica.com\/buscador_20179478954\/corteconstitucionalcronologico202454587\/c-105-13\/\" class=\"_self\" target=\"_self\" >C-105-13<\/a><\/h4>\n<div class=\"pt-cv-content\">\u00a0 \u00a0 \u00a0 \u00a0 \u00a0 \u00a0C-105-13 \u00a0 \u00a0 \u00a0 \u00a0 \u00a0 \u00a0\u00a0 Sentencia C-105\/13 \u00a0 \u00a0 NORMAS \u00a0 PARA MODERNIZAR LA ORGANIZACION Y FUNCIONAMIENTO DE LOS MUNICIPIOS-Elecci\u00f3n de \u00a0 personeros municipales \u00a0 \u00a0 CONCURSO PUBLICO DE MERITOS A CARGO DE LA\u00a0 PROCURADURIA GENERAL DE LA \u00a0 NACION PARA DESIGNACION DE PERSONEROS MUNICIPALES-Inexequibilidad por desconocimiento de las \u00a0 competencias de los concejos y autonom\u00eda territorial \u00a0 \u00a0 INTEGRACION DE LA UNIDAD NORMATIVA-Jurisprudencia \u00a0 constitucional\/INTEGRACION DE LA UNIDAD NORMATIVA-Condiciones \u00a0 \u00a0 INTEGRACION DE UNIDAD NORMATIVA-Procedencia excepcional \u00a0 \u00a0 CONCURSO PUBLICO DE MERITOS-Reglas jurisprudenciales \u00a0 \u00a0 CONCURSO PUBLICO DE MERITOS EN CARGOS QUE ...<br \/><div class=\"pt-cv-rmwrap\"><a href=\"https:\/\/www.dmsjuridica.com\/buscador_20179478954\/corteconstitucionalcronologico202454587\/c-105-13\/\" class=\"_self pt-cv-readmore btn btn-success\" target=\"_self\">Ver Sentencia Completa...<\/a><\/div><\/div><\/div><\/div>\n<div class=\"col-md-12 col-sm-12 col-xs-12 pt-cv-content-item pt-cv-1-col\" ><div class='pt-cv-ifield'><a href=\"https:\/\/www.dmsjuridica.com\/buscador_20179478954\/corteconstitucionalcronologico202454587\/c-102-13\/\" class=\"_self pt-cv-href-thumbnail pt-cv-thumb-default\" target=\"_self\" ><\/a>\n<div class=\"pt-cv-taxoterm above_title\"><a href='https:\/\/www.dmsjuridica.com\/buscador_20179478954\/corteconstitucionalcronologico202454587\/category\/buscar-en-toda-la-corte\/2013\/sentencias-2013\/' title='Sentencias 2013' class='pt-cv-tax-sentencias-2013'>Sentencias 2013<\/a><\/div>\n<h4 class=\"pt-cv-title\"><a href=\"https:\/\/www.dmsjuridica.com\/buscador_20179478954\/corteconstitucionalcronologico202454587\/c-102-13\/\" class=\"_self\" target=\"_self\" >C-102-13<\/a><\/h4>\n<div class=\"pt-cv-content\">\u00a0 \u00a0 \u00a0 \u00a0 \u00a0 \u00a0C-102-13 \u00a0 \u00a0 \u00a0 \u00a0 \u00a0 \u00a0\u00a0 Sentencia C-102\/13 \u00a0 \u00a0 Bogot\u00e1 D.C., 28 de febrero de 2013 \u00a0 \u00a0 LEY DE SEGURIDAD SOCIAL-R\u00e9gimen de transici\u00f3n \u00a0 \u00a0 REGIMEN DE TRANSICION EN PENSIONES-Inhibici\u00f3n por ineptitud sustantiva de la demanda \u00a0 \u00a0 DEMANDA DE INCONSTITUCIONALIDAD-Cargos deben \u00a0 ser claros, ciertos, espec\u00edficos, pertinentes y suficientes\u00a0 \u00a0 \u00a0 \u00a0 Referencia:\u00a0\u00a0\u00a0 \u00a0 expediente D-9225 \u00a0 \u00a0 \u00a0 Actor: Ivan \u00a0 Alexander Chinchilla Alarcon \u00a0 \u00a0 \u00a0 Demanda de \u00a0 inconstitucionalidad \u00a0contra el inciso 3 del art\u00edculo 36 de la ley 100 de 1993 \u00a0 \u00a0 \u00a0 Magistrado \u00a0 Sustanciador: ...<br \/><div class=\"pt-cv-rmwrap\"><a href=\"https:\/\/www.dmsjuridica.com\/buscador_20179478954\/corteconstitucionalcronologico202454587\/c-102-13\/\" class=\"_self pt-cv-readmore btn btn-success\" target=\"_self\">Ver Sentencia Completa...<\/a><\/div><\/div><\/div><\/div>\n<div class=\"col-md-12 col-sm-12 col-xs-12 pt-cv-content-item pt-cv-1-col\" ><div class='pt-cv-ifield'><a href=\"https:\/\/www.dmsjuridica.com\/buscador_20179478954\/corteconstitucionalcronologico202454587\/c-101-13\/\" class=\"_self pt-cv-href-thumbnail pt-cv-thumb-default\" target=\"_self\" ><\/a>\n<div class=\"pt-cv-taxoterm above_title\"><a href='https:\/\/www.dmsjuridica.com\/buscador_20179478954\/corteconstitucionalcronologico202454587\/category\/buscar-en-toda-la-corte\/2013\/sentencias-2013\/' title='Sentencias 2013' class='pt-cv-tax-sentencias-2013'>Sentencias 2013<\/a><\/div>\n<h4 class=\"pt-cv-title\"><a href=\"https:\/\/www.dmsjuridica.com\/buscador_20179478954\/corteconstitucionalcronologico202454587\/c-101-13\/\" class=\"_self\" target=\"_self\" >C-101-13<\/a><\/h4>\n<div class=\"pt-cv-content\">\u00a0 \u00a0 \u00a0 \u00a0 \u00a0 \u00a0C-101-13 \u00a0 \u00a0 \u00a0 \u00a0 \u00a0 \u00a0\u00a0 Sentencia C-101\/13 \u00a0 \u00a0 (Bogot\u00e1 D.C., febrero 28 de 2013) \u00a0 \u00a0 ESTRUCTURA Y \u00a0 ORGANIZACION DE LA PROCURADURIA GENERAL DE LA NACION-R\u00e9gimen de carrera administrativa \u00a0 \u00a0 CLASIFICACION \u00a0 DE LOS EMPLEOS DE LA PROCURADURIA GENERAL DE LA NACION-Contenido\u00a0 \u00a0 \u00a0 REGIMEN DE \u00a0 CARRERA ADMINISTRATIVA DE LA PROCURADURIA GENERAL DE LA NACION-Cargo de procurador judicial contenido en la norma \u00a0 acusada, no puede ser clasificado como de libre nombramiento y remoci\u00f3n \u00a0 \u00a0 DEMANDA DE \u00a0 INCONSTITUCIONALIDAD CONTRA LA EXPRESION PROCURADOR JUDICIAL CONTENIDA EN EL \u00a0 ...<br \/><div class=\"pt-cv-rmwrap\"><a href=\"https:\/\/www.dmsjuridica.com\/buscador_20179478954\/corteconstitucionalcronologico202454587\/c-101-13\/\" class=\"_self pt-cv-readmore btn btn-success\" target=\"_self\">Ver Sentencia Completa...<\/a><\/div><\/div><\/div><\/div>\n<div class=\"col-md-12 col-sm-12 col-xs-12 pt-cv-content-item pt-cv-1-col\" ><div class='pt-cv-ifield'><a href=\"https:\/\/www.dmsjuridica.com\/buscador_20179478954\/corteconstitucionalcronologico202454587\/c-100-13\/\" class=\"_self pt-cv-href-thumbnail pt-cv-thumb-default\" target=\"_self\" ><\/a>\n<div class=\"pt-cv-taxoterm above_title\"><a href='https:\/\/www.dmsjuridica.com\/buscador_20179478954\/corteconstitucionalcronologico202454587\/category\/buscar-en-toda-la-corte\/2013\/sentencias-2013\/' title='Sentencias 2013' class='pt-cv-tax-sentencias-2013'>Sentencias 2013<\/a><\/div>\n<h4 class=\"pt-cv-title\"><a href=\"https:\/\/www.dmsjuridica.com\/buscador_20179478954\/corteconstitucionalcronologico202454587\/c-100-13\/\" class=\"_self\" target=\"_self\" >C-100-13<\/a><\/h4>\n<div class=\"pt-cv-content\">\u00a0 \u00a0 \u00a0 \u00a0 \u00a0 \u00a0C-100-13 \u00a0 \u00a0 \u00a0 \u00a0 \u00a0 \u00a0\u00a0 Sentencia C-100\/13 \u00a0 \u00a0 (Bogot\u00e1 DC, febrero 27 de 2013) \u00a0 \u00a0 NORMAS TENDIENTES A MODERNIZAR LA ORGANIZACION Y \u00a0 EL FUNCIONAMIENTO DE LOS MUNICIPIOS-Extensi\u00f3n a los departamentos de la \u00a0 facultad para celebrar convenios con las juntas de acci\u00f3n comunal \u00a0 \u00a0 La expresi\u00f3n \u201cdepartamental y\u201d del par\u00e1grafo 4 \u00a0 del art\u00edculo 6 de la ley 1551 de 2012, al regular la posibilidad de que las \u00a0 juntas de acci\u00f3n comunal celebren convenios de solidaridad con entes \u00a0 territoriales del orden departamental, no desconoce el principio de ...<br \/><div class=\"pt-cv-rmwrap\"><a href=\"https:\/\/www.dmsjuridica.com\/buscador_20179478954\/corteconstitucionalcronologico202454587\/c-100-13\/\" class=\"_self pt-cv-readmore btn btn-success\" target=\"_self\">Ver Sentencia Completa...<\/a><\/div><\/div><\/div><\/div>\n<div class=\"col-md-12 col-sm-12 col-xs-12 pt-cv-content-item pt-cv-1-col\" ><div class='pt-cv-ifield'><a href=\"https:\/\/www.dmsjuridica.com\/buscador_20179478954\/corteconstitucionalcronologico202454587\/c-099-13\/\" class=\"_self pt-cv-href-thumbnail pt-cv-thumb-default\" target=\"_self\" ><\/a>\n<div class=\"pt-cv-taxoterm above_title\"><a href='https:\/\/www.dmsjuridica.com\/buscador_20179478954\/corteconstitucionalcronologico202454587\/category\/buscar-en-toda-la-corte\/2013\/sentencias-2013\/' title='Sentencias 2013' class='pt-cv-tax-sentencias-2013'>Sentencias 2013<\/a><\/div>\n<h4 class=\"pt-cv-title\"><a href=\"https:\/\/www.dmsjuridica.com\/buscador_20179478954\/corteconstitucionalcronologico202454587\/c-099-13\/\" class=\"_self\" target=\"_self\" >C-099-13<\/a><\/h4>\n<div class=\"pt-cv-content\">\u00a0 \u00a0 \u00a0 \u00a0 \u00a0 \u00a0C-099-13 \u00a0 \u00a0 \u00a0 \u00a0 \u00a0 \u00a0\u00a0 Sentencia C-099\/13 \u00a0 \u00a0 MEDIDAS DE ATENCION, ASISTENCIA Y REPARACION INTEGRAL A \u00a0 LAS VICTIMAS DEL CONFLICTO ARMADO INTERNO-Competencia para conocer de los procesos de restituci\u00f3n \u00a0 \u00a0 DA\u00d1OS CAUSADOS POR CRIMENES DE LESA HUMANIDAD QUE SEAN \u00a0 ATRIBUIBLES A AGENTES DEL ESTADO-No \u00a0 pueden ser objeto de transacci\u00f3n \u00a0 \u00a0 PROCESOS DE RESTITUCION DE TIERRAS-Competencia \u00a0 \u00a0 PROCESO DE RESTITUCION DE TIERRAS-Oposiciones \u00a0 \u00a0 MEDIDAS DE ATENCION, ASISTENCIA Y REPARACION INTEGRAL A \u00a0 LAS VICTIMAS DEL CONFLICTO ARMADO INTERNO-Reglamentaci\u00f3n \u00a0 de la indemnizaci\u00f3n por v\u00eda administrativa \u00a0 ...<br \/><div class=\"pt-cv-rmwrap\"><a href=\"https:\/\/www.dmsjuridica.com\/buscador_20179478954\/corteconstitucionalcronologico202454587\/c-099-13\/\" class=\"_self pt-cv-readmore btn btn-success\" target=\"_self\">Ver Sentencia Completa...<\/a><\/div><\/div><\/div><\/div>\n<div class=\"col-md-12 col-sm-12 col-xs-12 pt-cv-content-item pt-cv-1-col\" ><div class='pt-cv-ifield'><a href=\"https:\/\/www.dmsjuridica.com\/buscador_20179478954\/corteconstitucionalcronologico202454587\/c-098-13\/\" class=\"_self pt-cv-href-thumbnail pt-cv-thumb-default\" target=\"_self\" ><\/a>\n<div class=\"pt-cv-taxoterm above_title\"><a href='https:\/\/www.dmsjuridica.com\/buscador_20179478954\/corteconstitucionalcronologico202454587\/category\/buscar-en-toda-la-corte\/2013\/sentencias-2013\/' title='Sentencias 2013' class='pt-cv-tax-sentencias-2013'>Sentencias 2013<\/a><\/div>\n<h4 class=\"pt-cv-title\"><a href=\"https:\/\/www.dmsjuridica.com\/buscador_20179478954\/corteconstitucionalcronologico202454587\/c-098-13\/\" class=\"_self\" target=\"_self\" >C-098-13<\/a><\/h4>\n<div class=\"pt-cv-content\">\u00a0 \u00a0 \u00a0 \u00a0 \u00a0 \u00a0C-098-13 \u00a0 \u00a0 \u00a0 \u00a0 \u00a0 \u00a0\u00a0 Sentencia C-098\/13 \u00a0 \u00a0 NORMA SOBRE SUPRESION DEL \u00a0 DEPARTAMENTO ADMINISTRATIVO DE SEGURIDAD DAS Y SE REASIGNAN FUNCIONES-R\u00e9gimen de personal \u00a0 \u00a0 NORMA QUE SUPRIME EL \u00a0 DEPARTAMENTO ADMINISTRATIVO DE SEGURIDAD DAS Y SE REASIGNAN FUNCIONES-Expresiones acusadas del art\u00edculo 7 del \u00a0 Decreto 4057 de 2011 se ajustan a los preceptos constitucionales y legales \u00a0 \u00a0 El proceso de supresi\u00f3n del D.A.S. se ajust\u00f3 \u00a0 a los preceptos constitucionales y legales, y procur\u00f3 la protecci\u00f3n de los \u00a0 derechos adquiridos, la estabilidad laboral y el debido proceso de ...<br \/><div class=\"pt-cv-rmwrap\"><a href=\"https:\/\/www.dmsjuridica.com\/buscador_20179478954\/corteconstitucionalcronologico202454587\/c-098-13\/\" class=\"_self pt-cv-readmore btn btn-success\" target=\"_self\">Ver Sentencia Completa...<\/a><\/div><\/div><\/div><\/div>\n<div class=\"col-md-12 col-sm-12 col-xs-12 pt-cv-content-item pt-cv-1-col\" ><div class='pt-cv-ifield'><a href=\"https:\/\/www.dmsjuridica.com\/buscador_20179478954\/corteconstitucionalcronologico202454587\/c-097-13\/\" class=\"_self pt-cv-href-thumbnail pt-cv-thumb-default\" target=\"_self\" ><\/a>\n<div class=\"pt-cv-taxoterm above_title\"><a href='https:\/\/www.dmsjuridica.com\/buscador_20179478954\/corteconstitucionalcronologico202454587\/category\/buscar-en-toda-la-corte\/2013\/sentencias-2013\/' title='Sentencias 2013' class='pt-cv-tax-sentencias-2013'>Sentencias 2013<\/a><\/div>\n<h4 class=\"pt-cv-title\"><a href=\"https:\/\/www.dmsjuridica.com\/buscador_20179478954\/corteconstitucionalcronologico202454587\/c-097-13\/\" class=\"_self\" target=\"_self\" >C-097-13<\/a><\/h4>\n<div class=\"pt-cv-content\">\u00a0 \u00a0 \u00a0 \u00a0 \u00a0 \u00a0C-097-13 \u00a0 \u00a0 \u00a0 \u00a0 \u00a0 \u00a0\u00a0 Sentencia C-097\/13 \u00a0 \u00a0 DEMANDA DE INCONSTITUCIONALIDAD POR EXCESO EN EJERCICIO \u00a0 DE FACULTADES EXTRAORDINARIAS EN DECRETO DE SUPRESION DE TRAMITES-No configuraci\u00f3n de excesos en normas que adscriben a \u00a0 la Superintendencia Financiera de Colombia la inspecci\u00f3n y vigilancia de los \u00a0 operadores de la PILA y le asigna otras funciones\/FACULTADES EXTRAORDINARIAS \u00a0 EN DECRETO DE SUPRESION DE TRAMITES-Responde a exigencias de coherencia y \u00a0 precisi\u00f3n tem\u00e1tica \u00a0 \u00a0 FACULTADES EXTRAORDINARIAS EN DECRETO DE SUPRESION DE \u00a0 TRAMITES-No se configura \u00a0 extralimitaci\u00f3n cuando existe conexidad material y tem\u00e1tica ...<br \/><div class=\"pt-cv-rmwrap\"><a href=\"https:\/\/www.dmsjuridica.com\/buscador_20179478954\/corteconstitucionalcronologico202454587\/c-097-13\/\" class=\"_self pt-cv-readmore btn btn-success\" target=\"_self\">Ver Sentencia Completa...<\/a><\/div><\/div><\/div><\/div>\n<div class=\"col-md-12 col-sm-12 col-xs-12 pt-cv-content-item pt-cv-1-col\" ><div class='pt-cv-ifield'><a href=\"https:\/\/www.dmsjuridica.com\/buscador_20179478954\/corteconstitucionalcronologico202454587\/c-096-13\/\" class=\"_self pt-cv-href-thumbnail pt-cv-thumb-default\" target=\"_self\" ><\/a>\n<div class=\"pt-cv-taxoterm above_title\"><a href='https:\/\/www.dmsjuridica.com\/buscador_20179478954\/corteconstitucionalcronologico202454587\/category\/buscar-en-toda-la-corte\/2013\/sentencias-2013\/' title='Sentencias 2013' class='pt-cv-tax-sentencias-2013'>Sentencias 2013<\/a><\/div>\n<h4 class=\"pt-cv-title\"><a href=\"https:\/\/www.dmsjuridica.com\/buscador_20179478954\/corteconstitucionalcronologico202454587\/c-096-13\/\" class=\"_self\" target=\"_self\" >C-096-13<\/a><\/h4>\n<div class=\"pt-cv-content\">Sentencia C-096\/13 \u00a0 \u00a0 NORMAS DE CARRERA DEL PERSONAL DE \u00a0 OFICIALES, NIVEL EJECUTIVO, SUBOFICIALES Y AGENTES DE LA POLICIA-Ascenso del personal restablecido en funciones \u00a0 \u00a0 NORMA SOBRE ASCENSO DE OFICIALES, NIVEL \u00a0 EJECUTIVO Y SUBOFICIALES DE LA POLICIA NACIONAL, RESTABLECIDOS EN FUNCIONES-Inhibici\u00f3n por ausencia de certeza y suficiencia en el cargo de inconstitucionalidad \u00a0 por omisi\u00f3n legislativa relativa \u00a0 \u00a0 Referencia: expediente D-9174 \u00a0 \u00a0 Demanda de inconstitucionalidad contra el Art\u00edculo 52 \u00a0 (parcial) del Decreto 1791 de 2000 \u00a0 \u00a0 Actor: \u00c1ngel Horacio Gonz\u00e1lez Betancur \u00a0 \u00a0 Magistrado Ponente: \u00a0 \u00a0 LUIS GUILLERMO GUERRERO P\u00c9REZ \u00a0 \u00a0 ...<br \/><div class=\"pt-cv-rmwrap\"><a href=\"https:\/\/www.dmsjuridica.com\/buscador_20179478954\/corteconstitucionalcronologico202454587\/c-096-13\/\" class=\"_self pt-cv-readmore btn btn-success\" target=\"_self\">Ver Sentencia Completa...<\/a><\/div><\/div><\/div><\/div>\n<div class=\"col-md-12 col-sm-12 col-xs-12 pt-cv-content-item pt-cv-1-col\" ><div class='pt-cv-ifield'><a href=\"https:\/\/www.dmsjuridica.com\/buscador_20179478954\/corteconstitucionalcronologico202454587\/c-085-13\/\" class=\"_self pt-cv-href-thumbnail pt-cv-thumb-default\" target=\"_self\" ><\/a>\n<div class=\"pt-cv-taxoterm above_title\"><a href='https:\/\/www.dmsjuridica.com\/buscador_20179478954\/corteconstitucionalcronologico202454587\/category\/buscar-en-toda-la-corte\/2013\/sentencias-2013\/' title='Sentencias 2013' class='pt-cv-tax-sentencias-2013'>Sentencias 2013<\/a><\/div>\n<h4 class=\"pt-cv-title\"><a href=\"https:\/\/www.dmsjuridica.com\/buscador_20179478954\/corteconstitucionalcronologico202454587\/c-085-13\/\" class=\"_self\" target=\"_self\" >C-085-13<\/a><\/h4>\n<div class=\"pt-cv-content\">\u00a0 \u00a0 \u00a0 \u00a0 \u00a0 \u00a0C-085-13 \u00a0 \u00a0 \u00a0 \u00a0 \u00a0 \u00a0\u00a0 Sentencia C-085\/13 \u00a0 \u00a0 MARCO GENERAL PARA LA \u00a0 LIBRANZA O DESCUENTO DIRECTO-Cosa juzgada constitucional respecto de la \u00a0 prohibici\u00f3n a comisionistas de bolsa y r\u00e9gimen contable de ciertos contratos de \u00a0 leasing \u00a0 \u00a0 Referencia: expediente D-9221 \u00a0 \u00a0 Demanda de inconstitucionalidad contra un segmento del \u00a0 art\u00edculo 15 de la Ley 1527 de 2012, \u201cPor medio de la cual se establece un \u00a0 marco general para la libranza o descuento directo y se dictan otras \u00a0 disposiciones\u201d. \u00a0 \u00a0 Demandante: Natalia Vel\u00e1squez Escalante \u00a0 \u00a0 Magistrado ...<br \/><div class=\"pt-cv-rmwrap\"><a href=\"https:\/\/www.dmsjuridica.com\/buscador_20179478954\/corteconstitucionalcronologico202454587\/c-085-13\/\" class=\"_self pt-cv-readmore btn btn-success\" target=\"_self\">Ver Sentencia Completa...<\/a><\/div><\/div><\/div><\/div>\n<div class=\"col-md-12 col-sm-12 col-xs-12 pt-cv-content-item pt-cv-1-col\" ><div class='pt-cv-ifield'><a href=\"https:\/\/www.dmsjuridica.com\/buscador_20179478954\/corteconstitucionalcronologico202454587\/c-084-13\/\" class=\"_self pt-cv-href-thumbnail pt-cv-thumb-default\" target=\"_self\" ><\/a>\n<div class=\"pt-cv-taxoterm above_title\"><a href='https:\/\/www.dmsjuridica.com\/buscador_20179478954\/corteconstitucionalcronologico202454587\/category\/buscar-en-toda-la-corte\/2013\/sentencias-2013\/' title='Sentencias 2013' class='pt-cv-tax-sentencias-2013'>Sentencias 2013<\/a><\/div>\n<h4 class=\"pt-cv-title\"><a href=\"https:\/\/www.dmsjuridica.com\/buscador_20179478954\/corteconstitucionalcronologico202454587\/c-084-13\/\" class=\"_self\" target=\"_self\" >C-084-13<\/a><\/h4>\n<div class=\"pt-cv-content\">\u00a0 \u00a0 \u00a0 \u00a0 \u00a0 \u00a0C-084-13 \u00a0 \u00a0 \u00a0 \u00a0 \u00a0 \u00a0\u00a0 Sentencia C-084\/13 \u00a0 \u00a0 MECANISMOS DE PREVENCION, \u00a0 INVESTIGACION Y SANCION DE ACTOS DE CORRUPCION Y EFECTIVIDAD DEL CONTROL DE \u00a0 GESTION PUBLICA-Modificaci\u00f3n del C\u00f3digo Penal sobre omisi\u00f3n de control en el \u00a0 sector de la salud \u00a0 \u00a0 MECANISMOS DE PREVENCION, \u00a0 INVESTIGACION Y SANCION DE ACTOS DE CORRUPCION Y EFECTIVIDAD DEL CONTROL DE \u00a0 GESTION PUBLICA-Sujetos disciplinables \u00a0 \u00a0 MECANISMOS DE PREVENCION, \u00a0 INVESTIGACION Y SANCION DE ACTOS DE CORRUPCION Y EFECTIVIDAD DEL CONTROL DE \u00a0 GESTION PUBLICA-Prohibici\u00f3n de prebendas o d\u00e1divas a trabajadores en el ...<br \/><div class=\"pt-cv-rmwrap\"><a href=\"https:\/\/www.dmsjuridica.com\/buscador_20179478954\/corteconstitucionalcronologico202454587\/c-084-13\/\" class=\"_self pt-cv-readmore btn btn-success\" target=\"_self\">Ver Sentencia Completa...<\/a><\/div><\/div><\/div><\/div>\n<div class=\"col-md-12 col-sm-12 col-xs-12 pt-cv-content-item pt-cv-1-col\" ><div class='pt-cv-ifield'><a href=\"https:\/\/www.dmsjuridica.com\/buscador_20179478954\/corteconstitucionalcronologico202454587\/c-083-13\/\" class=\"_self pt-cv-href-thumbnail pt-cv-thumb-default\" target=\"_self\" ><\/a>\n<div class=\"pt-cv-taxoterm above_title\"><a href='https:\/\/www.dmsjuridica.com\/buscador_20179478954\/corteconstitucionalcronologico202454587\/category\/buscar-en-toda-la-corte\/2013\/sentencias-2013\/' title='Sentencias 2013' class='pt-cv-tax-sentencias-2013'>Sentencias 2013<\/a><\/div>\n<h4 class=\"pt-cv-title\"><a href=\"https:\/\/www.dmsjuridica.com\/buscador_20179478954\/corteconstitucionalcronologico202454587\/c-083-13\/\" class=\"_self\" target=\"_self\" >C-083-13<\/a><\/h4>\n<div class=\"pt-cv-content\">\u00a0 \u00a0 \u00a0 \u00a0 \u00a0 \u00a0C-083-13 \u00a0 \u00a0 \u00a0 \u00a0 \u00a0 \u00a0\u00a0 Sentencia C-083\/13 \u00a0 \u00a0 TRAMITE EN EL \u00a0 CONGRESO DE LAS OBJECIONES GUBERNAMENTALES-Inhibici\u00f3n \u00a0 para decidir por ineptitud sustantiva de la demanda \u00a0 \u00a0 REGLAMENTO DEL \u00a0 CONGRESO-Procedimiento de las objeciones \u00a0 presidenciales\/OBJECIONES GUBERNAMENTALES-Procedimiento \u00a0 \u00a0 DEMANDA DE \u00a0 INCONSTITUCIONALIDAD POR OMISION LEGISLATIVA RELATIVA-Jurisprudencia constitucional\/DEMANDA DE INCONSTITUCIONALIDAD POR \u00a0 OMISION LEGISLATIVA RELATIVA-Requisitos \u00a0 \u00a0 Referencia: \u00a0 expediente D-9209 \u00a0 \u00a0 Demanda de \u00a0 inconstitucionalidad contra los art\u00edculos 197, 198 y 199 de la Ley 5\u00aa de \u00a0 1992 \u201cPor la cual se expide el Reglamento del \u00a0 Congreso; ...<br \/><div class=\"pt-cv-rmwrap\"><a href=\"https:\/\/www.dmsjuridica.com\/buscador_20179478954\/corteconstitucionalcronologico202454587\/c-083-13\/\" class=\"_self pt-cv-readmore btn btn-success\" target=\"_self\">Ver Sentencia Completa...<\/a><\/div><\/div><\/div><\/div>\n<div class=\"col-md-12 col-sm-12 col-xs-12 pt-cv-content-item pt-cv-1-col\" ><div class='pt-cv-ifield'><a href=\"https:\/\/www.dmsjuridica.com\/buscador_20179478954\/corteconstitucionalcronologico202454587\/c-069-13\/\" class=\"_self pt-cv-href-thumbnail pt-cv-thumb-default\" target=\"_self\" ><\/a>\n<div class=\"pt-cv-taxoterm above_title\"><a href='https:\/\/www.dmsjuridica.com\/buscador_20179478954\/corteconstitucionalcronologico202454587\/category\/buscar-en-toda-la-corte\/2013\/sentencias-2013\/' title='Sentencias 2013' class='pt-cv-tax-sentencias-2013'>Sentencias 2013<\/a><\/div>\n<h4 class=\"pt-cv-title\"><a href=\"https:\/\/www.dmsjuridica.com\/buscador_20179478954\/corteconstitucionalcronologico202454587\/c-069-13\/\" class=\"_self\" target=\"_self\" >C-069-13<\/a><\/h4>\n<div class=\"pt-cv-content\">\u00a0 \u00a0 \u00a0 \u00a0 \u00a0 \u00a0C-069-13 \u00a0 \u00a0 \u00a0 \u00a0 \u00a0 \u00a0\u00a0 Sentencia \u00a0 C-069\/13 \u00a0 \u00a0 COMPROMISOS ADQUIRIDOS EN \u00a0 VIRTUD DEL ACUERDO DE PROMOCION COMERCIAL ENTRE LA REPUBLICA DE COLOMBIA Y LOS \u00a0 ESTADOS UNIDOS DE AMERICA Y SU PROTOCOLO MODIFICATORIO-Cosa juzgada \u00a0 constitucional\/ACUERDO EN MATERIA DE DERECHOS DE AUTOR Y DERECHOS CONEXOS-Cosa \u00a0 juzgada constitucional \u00a0 \u00a0 COSA JUZGADA \u00a0 CONSTITUCIONAL-Jurisprudencia constitucional \u00a0 \u00a0 Referencia.: expediente D - \u00a0 9081 \u00a0 \u00a0 Demanda de inconstitucionalidad contra los art\u00edculos 2, \u00a0 3, 6, 13, 14, 15, 16, 19 y 21 de la Ley 1520 de 2012. \u00a0 \u00a0 ...<br \/><div class=\"pt-cv-rmwrap\"><a href=\"https:\/\/www.dmsjuridica.com\/buscador_20179478954\/corteconstitucionalcronologico202454587\/c-069-13\/\" class=\"_self pt-cv-readmore btn btn-success\" target=\"_self\">Ver Sentencia Completa...<\/a><\/div><\/div><\/div><\/div>\n<div class=\"col-md-12 col-sm-12 col-xs-12 pt-cv-content-item pt-cv-1-col\" ><div class='pt-cv-ifield'><a href=\"https:\/\/www.dmsjuridica.com\/buscador_20179478954\/corteconstitucionalcronologico202454587\/c-068-13\/\" class=\"_self pt-cv-href-thumbnail pt-cv-thumb-default\" target=\"_self\" ><\/a>\n<div class=\"pt-cv-taxoterm above_title\"><a href='https:\/\/www.dmsjuridica.com\/buscador_20179478954\/corteconstitucionalcronologico202454587\/category\/buscar-en-toda-la-corte\/2013\/sentencias-2013\/' title='Sentencias 2013' class='pt-cv-tax-sentencias-2013'>Sentencias 2013<\/a><\/div>\n<h4 class=\"pt-cv-title\"><a href=\"https:\/\/www.dmsjuridica.com\/buscador_20179478954\/corteconstitucionalcronologico202454587\/c-068-13\/\" class=\"_self\" target=\"_self\" >C-068-13<\/a><\/h4>\n<div class=\"pt-cv-content\">\u00a0 \u00a0 \u00a0 \u00a0 \u00a0 \u00a0C-068-13 \u00a0 \u00a0 \u00a0 \u00a0 \u00a0 \u00a0\u00a0 Sentencia C-068\/13 \u00a0 \u00a0 ORGANIZACION Y FUNCIONAMIENTO DEL SISTEMA \u00a0 GENERAL DE REGALIAS-Exequibilidad condicionada de la norma sobre r\u00e9gimen de transici\u00f3n para \u00a0 otros recursos disponibles a 31 de diciembre de 2011 \u00a0 \u00a0 Con fundamento en lo expuesto, la Corte \u00a0 encuentra que la Ley 1530 de 2012 no vulnera los art\u00edculos 1, 2, 7, 93 y 330 del \u00a0 Texto Superior, ni el art\u00edculo 6\u00b0 del Convenio 169 de 1989 de la OIT, referente \u00a0 a la obligaci\u00f3n de adelantar la consulta previa con las comunidades ...<br \/><div class=\"pt-cv-rmwrap\"><a href=\"https:\/\/www.dmsjuridica.com\/buscador_20179478954\/corteconstitucionalcronologico202454587\/c-068-13\/\" class=\"_self pt-cv-readmore btn btn-success\" target=\"_self\">Ver Sentencia Completa...<\/a><\/div><\/div><\/div><\/div>\n<div class=\"col-md-12 col-sm-12 col-xs-12 pt-cv-content-item pt-cv-1-col\" ><div class='pt-cv-ifield'><a href=\"https:\/\/www.dmsjuridica.com\/buscador_20179478954\/corteconstitucionalcronologico202454587\/c-066-13\/\" class=\"_self pt-cv-href-thumbnail pt-cv-thumb-default\" target=\"_self\" ><\/a>\n<div class=\"pt-cv-taxoterm above_title\"><a href='https:\/\/www.dmsjuridica.com\/buscador_20179478954\/corteconstitucionalcronologico202454587\/category\/buscar-en-toda-la-corte\/2013\/sentencias-2013\/' title='Sentencias 2013' class='pt-cv-tax-sentencias-2013'>Sentencias 2013<\/a><\/div>\n<h4 class=\"pt-cv-title\"><a href=\"https:\/\/www.dmsjuridica.com\/buscador_20179478954\/corteconstitucionalcronologico202454587\/c-066-13\/\" class=\"_self\" target=\"_self\" >C-066-13<\/a><\/h4>\n<div class=\"pt-cv-content\">\u00a0 \u00a0 \u00a0 \u00a0 \u00a0 \u00a0C-066-13 \u00a0 \u00a0 \u00a0 \u00a0 \u00a0 \u00a0\u00a0 Sentencia \u00a0 C-066\/13 \u00a0 \u00a0 NORMA SOBRE MECANISMOS DE INTEGRACION SOCIAL DE \u00a0 PERSONAS CON LIMITACION-Contenido\u00a0 \u00a0 \u00a0 NORMALIZACION SOCIAL PLENA E \u00a0 INTEGRACION DE PERSONAS CON LIMITACION-Exequibilidad condicionada de la expresi\u00f3n \u201cla normalizaci\u00f3n \u00a0 social plena\u201d contenida en el art\u00edculo 3 de la Ley 361 de 1997 \u00a0 \u00a0 La Sala encuentra que es posible en el presente caso darle relevancia al \u00a0 principio de conservaci\u00f3n del derecho, a partir de la declaratoria de \u00a0 exequibilidad condicionada de la expresi\u00f3n \u201cnormalizaci\u00f3n social y plena\u201d, \u00a0 contenida en ...<br \/><div class=\"pt-cv-rmwrap\"><a href=\"https:\/\/www.dmsjuridica.com\/buscador_20179478954\/corteconstitucionalcronologico202454587\/c-066-13\/\" class=\"_self pt-cv-readmore btn btn-success\" target=\"_self\">Ver Sentencia Completa...<\/a><\/div><\/div><\/div><\/div>\n<div class=\"col-md-12 col-sm-12 col-xs-12 pt-cv-content-item pt-cv-1-col\" ><div class='pt-cv-ifield'><a href=\"https:\/\/www.dmsjuridica.com\/buscador_20179478954\/corteconstitucionalcronologico202454587\/c-055-13\/\" class=\"_self pt-cv-href-thumbnail pt-cv-thumb-default\" target=\"_self\" ><\/a>\n<div class=\"pt-cv-taxoterm above_title\"><a href='https:\/\/www.dmsjuridica.com\/buscador_20179478954\/corteconstitucionalcronologico202454587\/category\/buscar-en-toda-la-corte\/2013\/sentencias-2013\/' title='Sentencias 2013' class='pt-cv-tax-sentencias-2013'>Sentencias 2013<\/a><\/div>\n<h4 class=\"pt-cv-title\"><a href=\"https:\/\/www.dmsjuridica.com\/buscador_20179478954\/corteconstitucionalcronologico202454587\/c-055-13\/\" class=\"_self\" target=\"_self\" >C-055-13<\/a><\/h4>\n<div class=\"pt-cv-content\">\u00a0 \u00a0 \u00a0 \u00a0 \u00a0 \u00a0C-055-13 \u00a0 \u00a0 \u00a0 \u00a0 \u00a0 \u00a0\u00a0 Sentencia C- \u00a0 055\/13 \u00a0 \u00a0 SUPERINTENDENCIA NACIONAL DE \u00a0 SALUD-Competencia de conciliaci\u00f3n en \u00a0 conflictos entre el administrador del fosyga, las entidades promotoras de salud, \u00a0 los prestadores de servicios, las compa\u00f1\u00edas aseguradoras del soat y entidades \u00a0 territoriales\u00a0 \u00a0 \u00a0 DEMANDA DE INCONSTITUCIONALIDAD-Requisitos \u00a0 m\u00ednimos \u00a0 \u00a0 DEMANDA DE INCONSTITUCIONALIDAD-Razones \u00a0 claras, ciertas, espec\u00edficas, pertinentes y suficientes\u00a0\u00a0\u00a0 \u00a0 \u00a0 DEMANDA DE INCONSTITUCIONALIDAD-Aun cuando debe ser evaluada de acuerdo con el principio pro actione, \u00a0 en todo caso es necesario que en ella concurran unas condiciones m\u00ednimas ...<br \/><div class=\"pt-cv-rmwrap\"><a href=\"https:\/\/www.dmsjuridica.com\/buscador_20179478954\/corteconstitucionalcronologico202454587\/c-055-13\/\" class=\"_self pt-cv-readmore btn btn-success\" target=\"_self\">Ver Sentencia Completa...<\/a><\/div><\/div><\/div><\/div>\n<div class=\"col-md-12 col-sm-12 col-xs-12 pt-cv-content-item pt-cv-1-col\" ><div class='pt-cv-ifield'><a href=\"https:\/\/www.dmsjuridica.com\/buscador_20179478954\/corteconstitucionalcronologico202454587\/c-054-13\/\" class=\"_self pt-cv-href-thumbnail pt-cv-thumb-default\" target=\"_self\" ><\/a>\n<div class=\"pt-cv-taxoterm above_title\"><a href='https:\/\/www.dmsjuridica.com\/buscador_20179478954\/corteconstitucionalcronologico202454587\/category\/buscar-en-toda-la-corte\/2013\/sentencias-2013\/' title='Sentencias 2013' class='pt-cv-tax-sentencias-2013'>Sentencias 2013<\/a><\/div>\n<h4 class=\"pt-cv-title\"><a href=\"https:\/\/www.dmsjuridica.com\/buscador_20179478954\/corteconstitucionalcronologico202454587\/c-054-13\/\" class=\"_self\" target=\"_self\" >C-054-13<\/a><\/h4>\n<div class=\"pt-cv-content\">\u00a0 \u00a0 \u00a0 \u00a0 \u00a0 \u00a0C-054-13 \u00a0 \u00a0 \u00a0 \u00a0 \u00a0 \u00a0\u00a0 Sentencia C-054\/13 \u00a0 \u00a0 CATEDRA VALORES Y TALENTOS VALLENATOS \u201cCONSUELO ARAUJONOGUERA\u201d-Es optativa para los \u00a0 establecimientos educativos y padres de familia y sin perjuicio de la promoci\u00f3n \u00a0 de otras expresiones culturales \u00a0 \u00a0 CATEDRA VALORES Y TALENTOS VALLENATOS \u201cCONSUELO ARAUJONOGUERA\u201d-No viola los derechos \u00a0 fundamentales de las comunidades ind\u00edgenas y afro del departamento del Cesar, \u00a0 siempre y cuando no sea obligatoria \u00a0 \u00a0 El Congreso de la Rep\u00fablica no viola los derechos \u00a0 fundamentales de la comunidades ind\u00edgenas y de las comunidades afro del \u00a0 departamento ...<br \/><div class=\"pt-cv-rmwrap\"><a href=\"https:\/\/www.dmsjuridica.com\/buscador_20179478954\/corteconstitucionalcronologico202454587\/c-054-13\/\" class=\"_self pt-cv-readmore btn btn-success\" target=\"_self\">Ver Sentencia Completa...<\/a><\/div><\/div><\/div><\/div>\n<div class=\"col-md-12 col-sm-12 col-xs-12 pt-cv-content-item pt-cv-1-col\" ><div class='pt-cv-ifield'><a href=\"https:\/\/www.dmsjuridica.com\/buscador_20179478954\/corteconstitucionalcronologico202454587\/c-053-13\/\" class=\"_self pt-cv-href-thumbnail pt-cv-thumb-default\" target=\"_self\" ><\/a>\n<div class=\"pt-cv-taxoterm above_title\"><a href='https:\/\/www.dmsjuridica.com\/buscador_20179478954\/corteconstitucionalcronologico202454587\/category\/buscar-en-toda-la-corte\/2013\/sentencias-2013\/' title='Sentencias 2013' class='pt-cv-tax-sentencias-2013'>Sentencias 2013<\/a><\/div>\n<h4 class=\"pt-cv-title\"><a href=\"https:\/\/www.dmsjuridica.com\/buscador_20179478954\/corteconstitucionalcronologico202454587\/c-053-13\/\" class=\"_self\" target=\"_self\" >C-053-13<\/a><\/h4>\n<div class=\"pt-cv-content\">\u00a0 \u00a0 \u00a0 \u00a0 \u00a0 \u00a0C-053-13 \u00a0 \u00a0 \u00a0 \u00a0 \u00a0 \u00a0\u00a0 Sentencia C-053\/13 \u00a0 \u00a0 FINANCIERA DE DESARROLLO TERRITORIAL-FINDETER-Modificaci\u00f3n de la naturaleza jur\u00eddica \u00a0 \u00a0 DEMANDA DE \u00a0 INCONSTITUCIONALIDAD-Requisitos \u00a0 \u00a0 FACULTADES \u00a0 EXTRAORDINARIAS CONCEDIDAS EN LEY 1444 DE 2011-Alcance\u00a0 \u00a0 \u00a0 CONFORMACION DEL SECTOR \u00a0 DESCENTRALIZADO POR SERVICIOS EN LA ADMINISTRACION PUBLICA NACIONAL-Contenido \u00a0 y alcance \u00a0 \u00a0 ESTATUTO ORGANICO \u00a0 DEL SISTEMA FINANCIERO-Contenido\/ESTATUTO ORGANICO DEL SISTEMA \u00a0 FINANCIERO-No es ley org\u00e1nica \u00a0 \u00a0 LEYES ORGANICAS-Naturaleza \u00a0 y contenido \u00a0 \u00a0 LEY ORGANICA-Concepto \u00a0 \u00a0 FUNCION \u00a0 LEGISLATIVA-Legislaci\u00f3n org\u00e1nica \u00a0 \u00a0 En ejercicio de la funci\u00f3n \u00a0 legislativa, ...<br \/><div class=\"pt-cv-rmwrap\"><a href=\"https:\/\/www.dmsjuridica.com\/buscador_20179478954\/corteconstitucionalcronologico202454587\/c-053-13\/\" class=\"_self pt-cv-readmore btn btn-success\" target=\"_self\">Ver Sentencia Completa...<\/a><\/div><\/div><\/div><\/div>\n<div class=\"col-md-12 col-sm-12 col-xs-12 pt-cv-content-item pt-cv-1-col\" ><div class='pt-cv-ifield'><a href=\"https:\/\/www.dmsjuridica.com\/buscador_20179478954\/corteconstitucionalcronologico202454587\/c-016-13\/\" class=\"_self pt-cv-href-thumbnail pt-cv-thumb-default\" target=\"_self\" ><\/a>\n<div class=\"pt-cv-taxoterm above_title\"><a href='https:\/\/www.dmsjuridica.com\/buscador_20179478954\/corteconstitucionalcronologico202454587\/category\/buscar-en-toda-la-corte\/2013\/sentencias-2013\/' title='Sentencias 2013' class='pt-cv-tax-sentencias-2013'>Sentencias 2013<\/a><\/div>\n<h4 class=\"pt-cv-title\"><a href=\"https:\/\/www.dmsjuridica.com\/buscador_20179478954\/corteconstitucionalcronologico202454587\/c-016-13\/\" class=\"_self\" target=\"_self\" >C-016-13<\/a><\/h4>\n<div class=\"pt-cv-content\">\u00a0 \u00a0 \u00a0 \u00a0 \u00a0 \u00a0C-016-13 \u00a0 \u00a0 \u00a0 \u00a0 \u00a0 \u00a0\u00a0 Sentencia C-016\/13 \u00a0 \u00a0 FACULTADES EXTRAORDINARIAS EN MATERIA DE PUBLICIDAD DE \u00a0 LA ACTIVIDAD CONTRACTUAL DEL ESTADO A TRAVES DE MECANISMOS ELECTRONICOS-Exequibilidad \u00a0 \u00a0 No vulnera el legislador \u00a0 delegado las facultades conferidas en virtud del art\u00edculo 150 numeral 10, cuando \u00a0 opta por mecanismos electr\u00f3nicos para darle publicidad a la actividad \u00a0 contractual del Estado. La supresi\u00f3n\u00a0 o sustituci\u00f3n del deber de publicar \u00a0 en medios escritos y otros sistemas electr\u00f3nicos, hace parte de la potestad \u00a0 extraordinaria, pues, en aras de la eficacia, la econom\u00eda y ...<br \/><div class=\"pt-cv-rmwrap\"><a href=\"https:\/\/www.dmsjuridica.com\/buscador_20179478954\/corteconstitucionalcronologico202454587\/c-016-13\/\" class=\"_self pt-cv-readmore btn btn-success\" target=\"_self\">Ver Sentencia Completa...<\/a><\/div><\/div><\/div><\/div>\n<div class=\"col-md-12 col-sm-12 col-xs-12 pt-cv-content-item pt-cv-1-col\" ><div class='pt-cv-ifield'><a href=\"https:\/\/www.dmsjuridica.com\/buscador_20179478954\/corteconstitucionalcronologico202454587\/c-015-13\/\" class=\"_self pt-cv-href-thumbnail pt-cv-thumb-default\" target=\"_self\" ><\/a>\n<div class=\"pt-cv-taxoterm above_title\"><a href='https:\/\/www.dmsjuridica.com\/buscador_20179478954\/corteconstitucionalcronologico202454587\/category\/buscar-en-toda-la-corte\/2013\/sentencias-2013\/' title='Sentencias 2013' class='pt-cv-tax-sentencias-2013'>Sentencias 2013<\/a><\/div>\n<h4 class=\"pt-cv-title\"><a href=\"https:\/\/www.dmsjuridica.com\/buscador_20179478954\/corteconstitucionalcronologico202454587\/c-015-13\/\" class=\"_self\" target=\"_self\" >C-015-13<\/a><\/h4>\n<div class=\"pt-cv-content\">\u00a0 \u00a0 \u00a0 \u00a0 \u00a0 \u00a0C-015-13 \u00a0 \u00a0 \u00a0 \u00a0 \u00a0 \u00a0\u00a0 Sentencia C-015\/13 \u00a0 \u00a0 (23 de enero de 2013) \u00a0 \u00a0 MARCO GENERAL PARA LA LIBRANZA O DESCUENTO DIRECTO-Inexequibilidad respecto de la prohibici\u00f3n \u00a0 a comisionistas de bolsa y el r\u00e9gimen contable de ciertos contratos de leasing \u00a0 por violaci\u00f3n del principio de unidad de materia \u00a0 \u00a0 La Corte encuentra fundado el cargo de \u00a0 inconstitucionalidad por violaci\u00f3n del principio de la unidad de materia, por no \u00a0 existir conexidad tem\u00e1tica, causal, teleol\u00f3gica, ni sistem\u00e1tica entre el \u00a0 contenido general de la ley 1527\/12 y las disposiciones ...<br \/><div class=\"pt-cv-rmwrap\"><a href=\"https:\/\/www.dmsjuridica.com\/buscador_20179478954\/corteconstitucionalcronologico202454587\/c-015-13\/\" class=\"_self pt-cv-readmore btn btn-success\" target=\"_self\">Ver Sentencia Completa...<\/a><\/div><\/div><\/div><\/div>\n<div class=\"col-md-12 col-sm-12 col-xs-12 pt-cv-content-item pt-cv-1-col\" ><div class='pt-cv-ifield'><a href=\"https:\/\/www.dmsjuridica.com\/buscador_20179478954\/corteconstitucionalcronologico202454587\/c-014-13\/\" class=\"_self pt-cv-href-thumbnail pt-cv-thumb-default\" target=\"_self\" ><\/a>\n<div class=\"pt-cv-taxoterm above_title\"><a href='https:\/\/www.dmsjuridica.com\/buscador_20179478954\/corteconstitucionalcronologico202454587\/category\/buscar-en-toda-la-corte\/2013\/sentencias-2013\/' title='Sentencias 2013' class='pt-cv-tax-sentencias-2013'>Sentencias 2013<\/a><\/div>\n<h4 class=\"pt-cv-title\"><a href=\"https:\/\/www.dmsjuridica.com\/buscador_20179478954\/corteconstitucionalcronologico202454587\/c-014-13\/\" class=\"_self\" target=\"_self\" >C-014-13<\/a><\/h4>\n<div class=\"pt-cv-content\">\u00a0 \u00a0 \u00a0 \u00a0 \u00a0 \u00a0C-014-13 \u00a0 \u00a0 \u00a0 \u00a0 \u00a0 \u00a0\u00a0 Sentencia \u00a0 C-014\/13 \u00a0 \u00a0 IMPLEMENTACION DE COMPROMISOS ADQUIRIDOS EN VIRTUD DEL ACUERDO \u00a0 DE PROMOCION COMERCIAL ENTRE LA REPUBLICA DE COLOMBIA Y LOS ESTADOS UNIDOS DE \u00a0 AMERICA Y SU PROTOCOLO MODIFICATORIO-Cosa juzgada constitucional \u00a0 \u00a0 DEMANDA DE \u00a0 INCONSTITUCIONALIDAD-Requisitos m\u00ednimos \u00a0 \u00a0 DEMANDA DE \u00a0 INCONSTITUCIONALIDAD-Concepto de violaci\u00f3n \u00a0 \u00a0 COSA \u00a0 JUZGADA CONSTITUCIONAL-Definici\u00f3n \u00a0 \u00a0 COSA \u00a0 JUZGADA CONSTITUCIONAL-Tipos \u00a0 \u00a0 La Corte ha \u00a0 precisado que los efectos de la cosa juzgada constitucional no son siempre \u00a0 iguales y que existen varios tipos de ...<br \/><div class=\"pt-cv-rmwrap\"><a href=\"https:\/\/www.dmsjuridica.com\/buscador_20179478954\/corteconstitucionalcronologico202454587\/c-014-13\/\" class=\"_self pt-cv-readmore btn btn-success\" target=\"_self\">Ver Sentencia Completa...<\/a><\/div><\/div><\/div><\/div>\n<div class=\"col-md-12 col-sm-12 col-xs-12 pt-cv-content-item pt-cv-1-col\" ><div class='pt-cv-ifield'><a href=\"https:\/\/www.dmsjuridica.com\/buscador_20179478954\/corteconstitucionalcronologico202454587\/c-013-13\/\" class=\"_self pt-cv-href-thumbnail pt-cv-thumb-default\" target=\"_self\" ><\/a>\n<div class=\"pt-cv-taxoterm above_title\"><a href='https:\/\/www.dmsjuridica.com\/buscador_20179478954\/corteconstitucionalcronologico202454587\/category\/buscar-en-toda-la-corte\/2013\/sentencias-2013\/' title='Sentencias 2013' class='pt-cv-tax-sentencias-2013'>Sentencias 2013<\/a><\/div>\n<h4 class=\"pt-cv-title\"><a href=\"https:\/\/www.dmsjuridica.com\/buscador_20179478954\/corteconstitucionalcronologico202454587\/c-013-13\/\" class=\"_self\" target=\"_self\" >C-013-13<\/a><\/h4>\n<div class=\"pt-cv-content\">\u00a0 \u00a0 \u00a0 \u00a0 \u00a0 \u00a0C-013-13 \u00a0 \u00a0 \u00a0 \u00a0 \u00a0 \u00a0\u00a0 Sentencia \u00a0 C-013\/13 \u00a0 \u00a0 NORMAS PARA SUPRIMIR TRAMITES INNECESARIOS EXISTENTES EN LA \u00a0 ADMINISTRACION PUBLICA-Actas de conciliaci\u00f3n \u00a0 \u00a0 CARGO DE \u00a0 INCONSTITUCIONALIDAD CONTRA REGLA JURIDICA QUE NO ESTA CONTENIDA EN NORMA \u00a0 ACUSADA-Jurisprudencia constitucional \u00a0 \u00a0 ACTA DE \u00a0 CONCILIACION EXTRAJUDICIAL-Contenido y alcance \u00a0 \u00a0 ACTAS DE \u00a0 CONCILIACION-Inhibici\u00f3n \u00a0 para decidir de fondo por falta de certeza \u00a0 \u00a0 La Corte \u00a0 Constitucional, reitera la jurisprudencia \u00a0 establecida en la sentencia C-634 de 2012. Acusar al art\u00edculo 90 del Decreto Ley \u00a0 019 de 2012 ...<br \/><div class=\"pt-cv-rmwrap\"><a href=\"https:\/\/www.dmsjuridica.com\/buscador_20179478954\/corteconstitucionalcronologico202454587\/c-013-13\/\" class=\"_self pt-cv-readmore btn btn-success\" target=\"_self\">Ver Sentencia Completa...<\/a><\/div><\/div><\/div><\/div>\n<div class=\"col-md-12 col-sm-12 col-xs-12 pt-cv-content-item pt-cv-1-col\" ><div class='pt-cv-ifield'><a href=\"https:\/\/www.dmsjuridica.com\/buscador_20179478954\/corteconstitucionalcronologico202454587\/c-012-13\/\" class=\"_self pt-cv-href-thumbnail pt-cv-thumb-default\" target=\"_self\" ><\/a>\n<div class=\"pt-cv-taxoterm above_title\"><a href='https:\/\/www.dmsjuridica.com\/buscador_20179478954\/corteconstitucionalcronologico202454587\/category\/buscar-en-toda-la-corte\/2013\/sentencias-2013\/' title='Sentencias 2013' class='pt-cv-tax-sentencias-2013'>Sentencias 2013<\/a><\/div>\n<h4 class=\"pt-cv-title\"><a href=\"https:\/\/www.dmsjuridica.com\/buscador_20179478954\/corteconstitucionalcronologico202454587\/c-012-13\/\" class=\"_self\" target=\"_self\" >C-012-13<\/a><\/h4>\n<div class=\"pt-cv-content\">\u00a0 \u00a0 \u00a0 \u00a0 \u00a0 \u00a0C-012-13 \u00a0 \u00a0 \u00a0 \u00a0 \u00a0 \u00a0\u00a0 Sentencia C-012\/13 \u00a0 \u00a0 (23 de enero de 2013) \u00a0 \u00a0 DECRETO SOBRE SUPRESION DE TRAMITES INNECESARIOS EXISTENTES EN LA ADMINISTRACION \u00a0 PUBLICA-Tr\u00e1mite de las notificaciones de actos administrativos devueltos por el correo \u00a0 \u00a0 NOTIFICACION DE ACTOS DE LA ADMINISTRACION TRIBUTARIA MEDIANTE \u00a0 AVISO EN LUGAR DE ACCESO AL PUBLICO DE LA MISMA ENTIDAD Y EN EL PORTAL DE LA WEB \u00a0 DE LA DIAN, CUANDO HAYAN SIDO DEVUELTOS POR EL CORREO-No \u00a0 vulnera el debido proceso ni la efectividad de los derechos y deberes \u00a0 constitucionales ...<br \/><div class=\"pt-cv-rmwrap\"><a href=\"https:\/\/www.dmsjuridica.com\/buscador_20179478954\/corteconstitucionalcronologico202454587\/c-012-13\/\" class=\"_self pt-cv-readmore btn btn-success\" target=\"_self\">Ver Sentencia Completa...<\/a><\/div><\/div><\/div><\/div>\n<div class=\"col-md-12 col-sm-12 col-xs-12 pt-cv-content-item pt-cv-1-col\" ><div class='pt-cv-ifield'><a href=\"https:\/\/www.dmsjuridica.com\/buscador_20179478954\/corteconstitucionalcronologico202454587\/c-011-13\/\" class=\"_self pt-cv-href-thumbnail pt-cv-thumb-default\" target=\"_self\" ><\/a>\n<div class=\"pt-cv-taxoterm above_title\"><a href='https:\/\/www.dmsjuridica.com\/buscador_20179478954\/corteconstitucionalcronologico202454587\/category\/buscar-en-toda-la-corte\/2013\/sentencias-2013\/' title='Sentencias 2013' class='pt-cv-tax-sentencias-2013'>Sentencias 2013<\/a><\/div>\n<h4 class=\"pt-cv-title\"><a href=\"https:\/\/www.dmsjuridica.com\/buscador_20179478954\/corteconstitucionalcronologico202454587\/c-011-13\/\" class=\"_self\" target=\"_self\" >C-011-13<\/a><\/h4>\n<div class=\"pt-cv-content\">\u00a0 \u00a0 \u00a0 \u00a0 \u00a0 \u00a0C-011-13 \u00a0 \u00a0 \u00a0 \u00a0 \u00a0 \u00a0\u00a0 Sentencia C-011\/13 \u00a0 \u00a0 IMPLEMENTACION DE \u00a0 COMPROMISOS ADQUIRIDOS POR VIRTUD DEL ACUERDO DE PROMOCION COMERCIAL ENTRE LA \u00a0 REPUBLICA DE COLOMBIA Y LOS ESTADOS UNIDOS DE AMERICA Y SU PROTOCOLO \u00a0 MODIFICATORIO-Inexequibilidad \u00a0 \u00a0 IMPLEMENTACION DE \u00a0 COMPROMISOS ADQUIRIDOS POR VIRTUD DEL ACUERDO DE PROMOCION COMERCIAL ENTRE LA \u00a0 REPUBLICA DE COLOMBIA Y LOS ESTADOS UNIDOS DE AMERICA Y SU PROTOCOLO \u00a0 MODIFICATORIO-Normas relativas a derechos de autor y derechos conexos \u00a0 \u00a0 COMISIONES CONSTITUCIONALES PERMANENTES-Competencia \u00a0 para aprobaci\u00f3n en primer debate \u00a0 \u00a0 COMISIONES CONSTITUCIONALES PERMANENTES-Asignaci\u00f3n ...<br \/><div class=\"pt-cv-rmwrap\"><a href=\"https:\/\/www.dmsjuridica.com\/buscador_20179478954\/corteconstitucionalcronologico202454587\/c-011-13\/\" class=\"_self pt-cv-readmore btn btn-success\" target=\"_self\">Ver Sentencia Completa...<\/a><\/div><\/div><\/div><\/div>\n<div class=\"col-md-12 col-sm-12 col-xs-12 pt-cv-content-item pt-cv-1-col\" ><div class='pt-cv-ifield'><a href=\"https:\/\/www.dmsjuridica.com\/buscador_20179478954\/corteconstitucionalcronologico202454587\/c-010-13\/\" class=\"_self pt-cv-href-thumbnail pt-cv-thumb-default\" target=\"_self\" ><\/a>\n<div class=\"pt-cv-taxoterm above_title\"><a href='https:\/\/www.dmsjuridica.com\/buscador_20179478954\/corteconstitucionalcronologico202454587\/category\/buscar-en-toda-la-corte\/2013\/sentencias-2013\/' title='Sentencias 2013' class='pt-cv-tax-sentencias-2013'>Sentencias 2013<\/a><\/div>\n<h4 class=\"pt-cv-title\"><a href=\"https:\/\/www.dmsjuridica.com\/buscador_20179478954\/corteconstitucionalcronologico202454587\/c-010-13\/\" class=\"_self\" target=\"_self\" >C-010-13<\/a><\/h4>\n<div class=\"pt-cv-content\">\u00a0 \u00a0 \u00a0 \u00a0 \u00a0 \u00a0C-010-13 \u00a0 \u00a0 \u00a0 \u00a0 \u00a0 \u00a0\u00a0 Sentencia \u00a0 C-010\/13 \u00a0 \u00a0 REFORMA AL REGIMEN DE REGALIAS REGULADO EN LOS \u00a0 ARTICULOS 360 Y 361 DE LA CONSTITUCION POLITICA-No configura \u00a0 una sustituci\u00f3n de los principios estructurales de descentralizaci\u00f3n y autonom\u00eda \u00a0 territorial\/ACTO LEGISLATIVO 05 DE 2011-Sistema general de regal\u00edas\/ACTO \u00a0 LEGISLATIVO 05 DE 2011-Contenido y alcance \u00a0 \u00a0 JUICIO DE SUSTITUCION DE LA CONSTITUCION-Objeto \u00a0 \u00a0 PODER DE REFORMA-En el constitucionalismo \u00a0 colombiano tiene l\u00edmites competenciales\/PODER DE REFORMA DE LA CONSTITUCION-L\u00edmites \u00a0 competenciales\/LIMITES COMPETENCIALES DEL PODER DE REFORMA-Jurisprudencia \u00a0 constitucional\/PODER CONSTITUYENTE Y PODER DE ...<br \/><div class=\"pt-cv-rmwrap\"><a href=\"https:\/\/www.dmsjuridica.com\/buscador_20179478954\/corteconstitucionalcronologico202454587\/c-010-13\/\" class=\"_self pt-cv-readmore btn btn-success\" target=\"_self\">Ver Sentencia Completa...<\/a><\/div><\/div><\/div><\/div><\/div><\/div><\/div>\n","protected":false},"excerpt":{"rendered":"","protected":false},"author":1,"featured_media":0,"parent":0,"menu_order":0,"comment_status":"closed","ping_status":"closed","template":"","meta":{"footnotes":""},"class_list":["post-29508","page","type-page","status-publish","hentry"],"_links":{"self":[{"href":"https:\/\/www.dmsjuridica.com\/buscador_20179478954\/corteconstitucionalcronologico202454587\/wp-json\/wp\/v2\/pages\/29508","targetHints":{"allow":["GET"]}}],"collection":[{"href":"https:\/\/www.dmsjuridica.com\/buscador_20179478954\/corteconstitucionalcronologico202454587\/wp-json\/wp\/v2\/pages"}],"about":[{"href":"https:\/\/www.dmsjuridica.com\/buscador_20179478954\/corteconstitucionalcronologico202454587\/wp-json\/wp\/v2\/types\/page"}],"author":[{"embeddable":true,"href":"https:\/\/www.dmsjuridica.com\/buscador_20179478954\/corteconstitucionalcronologico202454587\/wp-json\/wp\/v2\/users\/1"}],"replies":[{"embeddable":true,"href":"https:\/\/www.dmsjuridica.com\/buscador_20179478954\/corteconstitucionalcronologico202454587\/wp-json\/wp\/v2\/comments?post=29508"}],"version-history":[{"count":1,"href":"https:\/\/www.dmsjuridica.com\/buscador_20179478954\/corteconstitucionalcronologico202454587\/wp-json\/wp\/v2\/pages\/29508\/revisions"}],"predecessor-version":[{"id":29509,"href":"https:\/\/www.dmsjuridica.com\/buscador_20179478954\/corteconstitucionalcronologico202454587\/wp-json\/wp\/v2\/pages\/29508\/revisions\/29509"}],"wp:attachment":[{"href":"https:\/\/www.dmsjuridica.com\/buscador_20179478954\/corteconstitucionalcronologico202454587\/wp-json\/wp\/v2\/media?parent=29508"}],"curies":[{"name":"wp","href":"https:\/\/api.w.org\/{rel}","templated":true}]}}