{"id":29566,"date":"2024-07-11T16:40:14","date_gmt":"2024-07-11T21:40:14","guid":{"rendered":"https:\/\/www.dmsjuridica.com\/buscador_20179478954\/corteconstitucionalcronologico202454587\/?page_id=29566"},"modified":"2024-07-11T16:40:14","modified_gmt":"2024-07-11T21:40:14","slug":"tutelas-1992","status":"publish","type":"page","link":"https:\/\/www.dmsjuridica.com\/buscador_20179478954\/corteconstitucionalcronologico202454587\/tutelas-1992\/","title":{"rendered":"Tutelas 1992"},"content":{"rendered":"<div class=\"pt-cv-wrapper\"><div class=\"pt-cv-view pt-cv-grid pt-cv-colsys\" id=\"pt-cv-view-8c260dfvhw\"><div data-id=\"pt-cv-page-1\" class=\"pt-cv-page\" data-cvc=\"1\"><div class=\"col-md-12 col-sm-12 col-xs-12 pt-cv-content-item pt-cv-1-col\" ><div class='pt-cv-ifield'><a href=\"https:\/\/www.dmsjuridica.com\/buscador_20179478954\/corteconstitucionalcronologico202454587\/t-615-92\/\" class=\"_self pt-cv-href-thumbnail pt-cv-thumb-default\" target=\"_self\" ><\/a>\n<div class=\"pt-cv-taxoterm above_title\"><a href='https:\/\/www.dmsjuridica.com\/buscador_20179478954\/corteconstitucionalcronologico202454587\/category\/buscar-en-toda-la-corte\/1992\/tutelas\/' title='Tutelas 1992' class='pt-cv-tax-tutelas'>Tutelas 1992<\/a><\/div>\n<h4 class=\"pt-cv-title\"><a href=\"https:\/\/www.dmsjuridica.com\/buscador_20179478954\/corteconstitucionalcronologico202454587\/t-615-92\/\" class=\"_self\" target=\"_self\" >T 615 92<\/a><\/h4>\n<div class=\"pt-cv-content\">T-615-92 318 Sentencia No. T-615\/92 DERECHOS FUNDAMENTALES-Interpretaci\u00f3n El car\u00e1cter fundamental de un derecho no est\u00e1 supeditado a la ubicaci\u00f3n del art\u00edculo que lo consagra dentro del texto de la Carta, pues el criterio predominante para determinar dicha calidad debe ser el que obedezca a una concepci\u00f3n material que parta de su inherencia a la dignidad de la persona. DERECHO AL TRABAJO-Contenido El derecho al trabajo, cuya plena garant\u00eda se constituye en uno de los primordiales fines de la Carta Pol\u00edtica no comprende solamente el acceso al mismo y la permanencia en la actividad laboral, pues este derecho se puede ver ...<br \/><div class=\"pt-cv-rmwrap\"><a href=\"https:\/\/www.dmsjuridica.com\/buscador_20179478954\/corteconstitucionalcronologico202454587\/t-615-92\/\" class=\"_self pt-cv-readmore btn btn-success\" target=\"_self\">Ver Sentencia Completa...<\/a><\/div><\/div><\/div><\/div>\n<div class=\"col-md-12 col-sm-12 col-xs-12 pt-cv-content-item pt-cv-1-col\" ><div class='pt-cv-ifield'><a href=\"https:\/\/www.dmsjuridica.com\/buscador_20179478954\/corteconstitucionalcronologico202454587\/t-614-92\/\" class=\"_self pt-cv-href-thumbnail pt-cv-thumb-default\" target=\"_self\" ><\/a>\n<div class=\"pt-cv-taxoterm above_title\"><a href='https:\/\/www.dmsjuridica.com\/buscador_20179478954\/corteconstitucionalcronologico202454587\/category\/buscar-en-toda-la-corte\/1992\/tutelas\/' title='Tutelas 1992' class='pt-cv-tax-tutelas'>Tutelas 1992<\/a><\/div>\n<h4 class=\"pt-cv-title\"><a href=\"https:\/\/www.dmsjuridica.com\/buscador_20179478954\/corteconstitucionalcronologico202454587\/t-614-92\/\" class=\"_self\" target=\"_self\" >T 614 92<\/a><\/h4>\n<div class=\"pt-cv-content\">T-614-92 Sentencia No. T-614\/92 DERECHO AL EJERCICIO DE CARGOS Y FUNCIONES PUBLICAS-Vulneraci\u00f3n El derecho espec\u00edfico al ejercicio de cargos y funciones p\u00fablicas merece protecci\u00f3n, a la luz de la Constituci\u00f3n colombiana, no \u00fanicamente por lo que significa en s\u00ed mismo sino por lo que representa, al tenor del art\u00edculo 40, como medio encaminado a lograr la efectividad de otro derecho -gen\u00e9rico- cual es el de participar en la conformaci\u00f3n, ejercicio y control del poder pol\u00edtico, a objeto de realizar la vigencia material de la democracia participativa. Se deriva la viabilidad constitucional de la acci\u00f3n de tutela para impetrar del juez ...<br \/><div class=\"pt-cv-rmwrap\"><a href=\"https:\/\/www.dmsjuridica.com\/buscador_20179478954\/corteconstitucionalcronologico202454587\/t-614-92\/\" class=\"_self pt-cv-readmore btn btn-success\" target=\"_self\">Ver Sentencia Completa...<\/a><\/div><\/div><\/div><\/div>\n<div class=\"col-md-12 col-sm-12 col-xs-12 pt-cv-content-item pt-cv-1-col\" ><div class='pt-cv-ifield'><a href=\"https:\/\/www.dmsjuridica.com\/buscador_20179478954\/corteconstitucionalcronologico202454587\/t-613-92\/\" class=\"_self pt-cv-href-thumbnail pt-cv-thumb-default\" target=\"_self\" ><\/a>\n<div class=\"pt-cv-taxoterm above_title\"><a href='https:\/\/www.dmsjuridica.com\/buscador_20179478954\/corteconstitucionalcronologico202454587\/category\/buscar-en-toda-la-corte\/1992\/tutelas\/' title='Tutelas 1992' class='pt-cv-tax-tutelas'>Tutelas 1992<\/a><\/div>\n<h4 class=\"pt-cv-title\"><a href=\"https:\/\/www.dmsjuridica.com\/buscador_20179478954\/corteconstitucionalcronologico202454587\/t-613-92\/\" class=\"_self\" target=\"_self\" >T 613 92<\/a><\/h4>\n<div class=\"pt-cv-content\">T-613-92 Sentencia No. T-613\/92 DERECHO A LA VIDA\/DERECHO A LA SALUD\/MEDIO DE DEFENSA JUDICIAL-Eficacia Los derechos constitucionales fundamentales violados con la decisi\u00f3n del Instituto de los Seguros Sociales al no ordenar la cirug\u00eda de cambio de v\u00e1lvulas a la peticionaria, son la vida y la salud, en la medida en que al no hacerse efectivo el derecho a la seguridad social por la no prestaci\u00f3n de las obligaciones asistenciales, en forma inmediata se vulneraron los derechos anotados. Se presenta claramente el primer requisito de la vulneraci\u00f3n de los derechos fundamentales a la vida y a la salud al no hacerse ...<br \/><div class=\"pt-cv-rmwrap\"><a href=\"https:\/\/www.dmsjuridica.com\/buscador_20179478954\/corteconstitucionalcronologico202454587\/t-613-92\/\" class=\"_self pt-cv-readmore btn btn-success\" target=\"_self\">Ver Sentencia Completa...<\/a><\/div><\/div><\/div><\/div>\n<div class=\"col-md-12 col-sm-12 col-xs-12 pt-cv-content-item pt-cv-1-col\" ><div class='pt-cv-ifield'><a href=\"https:\/\/www.dmsjuridica.com\/buscador_20179478954\/corteconstitucionalcronologico202454587\/t-612-92\/\" class=\"_self pt-cv-href-thumbnail pt-cv-thumb-default\" target=\"_self\" ><\/a>\n<div class=\"pt-cv-taxoterm above_title\"><a href='https:\/\/www.dmsjuridica.com\/buscador_20179478954\/corteconstitucionalcronologico202454587\/category\/buscar-en-toda-la-corte\/1992\/tutelas\/' title='Tutelas 1992' class='pt-cv-tax-tutelas'>Tutelas 1992<\/a><\/div>\n<h4 class=\"pt-cv-title\"><a href=\"https:\/\/www.dmsjuridica.com\/buscador_20179478954\/corteconstitucionalcronologico202454587\/t-612-92\/\" class=\"_self\" target=\"_self\" >T 612 92<\/a><\/h4>\n<div class=\"pt-cv-content\">T-612-92 Sentencia No. T-612\/92 DERECHO A LA EDUCACION El derecho a la educaci\u00f3n tiene una dimensi\u00f3n acad\u00e9mica y una dimensi\u00f3n civil o contractual. El derecho a la educaci\u00f3n es un derecho constitucional fundamental. Para garantizar este derecho, la Constituci\u00f3n faculta al Estado para intervenir la educaci\u00f3n en Colombia. Por tanto no se trata de un derecho que est\u00e9 al arbitrio de la libre voluntad de las personas sino que \u00e9ste debe estar regulado por el Estado. En la Carta del 91 hubo un cambio en materia de intervencionismo estatal en educaci\u00f3n respecto de la Carta del 86, ya que pas\u00f3 ...<br \/><div class=\"pt-cv-rmwrap\"><a href=\"https:\/\/www.dmsjuridica.com\/buscador_20179478954\/corteconstitucionalcronologico202454587\/t-612-92\/\" class=\"_self pt-cv-readmore btn btn-success\" target=\"_self\">Ver Sentencia Completa...<\/a><\/div><\/div><\/div><\/div>\n<div class=\"col-md-12 col-sm-12 col-xs-12 pt-cv-content-item pt-cv-1-col\" ><div class='pt-cv-ifield'><a href=\"https:\/\/www.dmsjuridica.com\/buscador_20179478954\/corteconstitucionalcronologico202454587\/t-611-92\/\" class=\"_self pt-cv-href-thumbnail pt-cv-thumb-default\" target=\"_self\" ><\/a>\n<div class=\"pt-cv-taxoterm above_title\"><a href='https:\/\/www.dmsjuridica.com\/buscador_20179478954\/corteconstitucionalcronologico202454587\/category\/buscar-en-toda-la-corte\/1992\/tutelas\/' title='Tutelas 1992' class='pt-cv-tax-tutelas'>Tutelas 1992<\/a><\/div>\n<h4 class=\"pt-cv-title\"><a href=\"https:\/\/www.dmsjuridica.com\/buscador_20179478954\/corteconstitucionalcronologico202454587\/t-611-92\/\" class=\"_self\" target=\"_self\" >T 611 92<\/a><\/h4>\n<div class=\"pt-cv-content\">T-611-92 Sentencia No. T-611\/92 COMPETENCIA DE TUTELA\/COMPETENCIA A PREVENCION EN TUTELA El juez llamado a resolver es el que tiene jurisdicci\u00f3n en el sitio en el que se han sucedido los hechos, pero t\u00e9ngase presente tambi\u00e9n que el conocimiento atribuido a tales funcionarios es \"a prevenci\u00f3n\", lo cual indica que, por razones de coherencia y econom\u00eda procesal, aprehendido el caso por un juez determinado sobre la base de la se\u00f1alada competencia, se radica en \u00e9l plenamente la potestad de fallar sobre el caso en su integridad aunque algunos de los acontecimientos hubieren tenido lugar en territorio diferente. Interpretar lo contrario ...<br \/><div class=\"pt-cv-rmwrap\"><a href=\"https:\/\/www.dmsjuridica.com\/buscador_20179478954\/corteconstitucionalcronologico202454587\/t-611-92\/\" class=\"_self pt-cv-readmore btn btn-success\" target=\"_self\">Ver Sentencia Completa...<\/a><\/div><\/div><\/div><\/div>\n<div class=\"col-md-12 col-sm-12 col-xs-12 pt-cv-content-item pt-cv-1-col\" ><div class='pt-cv-ifield'><a href=\"https:\/\/www.dmsjuridica.com\/buscador_20179478954\/corteconstitucionalcronologico202454587\/t-610-92\/\" class=\"_self pt-cv-href-thumbnail pt-cv-thumb-default\" target=\"_self\" ><\/a>\n<div class=\"pt-cv-taxoterm above_title\"><a href='https:\/\/www.dmsjuridica.com\/buscador_20179478954\/corteconstitucionalcronologico202454587\/category\/buscar-en-toda-la-corte\/1992\/tutelas\/' title='Tutelas 1992' class='pt-cv-tax-tutelas'>Tutelas 1992<\/a><\/div>\n<h4 class=\"pt-cv-title\"><a href=\"https:\/\/www.dmsjuridica.com\/buscador_20179478954\/corteconstitucionalcronologico202454587\/t-610-92\/\" class=\"_self\" target=\"_self\" >T 610 92<\/a><\/h4>\n<div class=\"pt-cv-content\">T-610-92 Sentencia No. T-610\/92 Como factor fundamental de los procesos econ\u00f3micos y sociales, resulta de primordial importancia en raz\u00f3n de que posibilita los medios de subsistencia y la calidad de \u00e9sta para el mayor n\u00famero de la poblaci\u00f3n y de \u00e9l depende de manera general el crecimiento y desarrollo econ\u00f3mico. Tambi\u00e9n, de \u00e9l se desprenden variadas y complejas relaciones sociales concurrentes y divergentes en punto a los intereses que en ellas se traban; esta naturaleza b\u00e1sica del Trabajo, reconocida por el Constituyente de 1991 desde el Pre\u00e1mbulo de la Carta, tambi\u00e9n manifiesta en su contenido final\u00edstico el prop\u00f3sito de asegurarlo ...<br \/><div class=\"pt-cv-rmwrap\"><a href=\"https:\/\/www.dmsjuridica.com\/buscador_20179478954\/corteconstitucionalcronologico202454587\/t-610-92\/\" class=\"_self pt-cv-readmore btn btn-success\" target=\"_self\">Ver Sentencia Completa...<\/a><\/div><\/div><\/div><\/div>\n<div class=\"col-md-12 col-sm-12 col-xs-12 pt-cv-content-item pt-cv-1-col\" ><div class='pt-cv-ifield'><a href=\"https:\/\/www.dmsjuridica.com\/buscador_20179478954\/corteconstitucionalcronologico202454587\/t-609-92\/\" class=\"_self pt-cv-href-thumbnail pt-cv-thumb-default\" target=\"_self\" ><\/a>\n<div class=\"pt-cv-taxoterm above_title\"><a href='https:\/\/www.dmsjuridica.com\/buscador_20179478954\/corteconstitucionalcronologico202454587\/category\/buscar-en-toda-la-corte\/1992\/tutelas\/' title='Tutelas 1992' class='pt-cv-tax-tutelas'>Tutelas 1992<\/a><\/div>\n<h4 class=\"pt-cv-title\"><a href=\"https:\/\/www.dmsjuridica.com\/buscador_20179478954\/corteconstitucionalcronologico202454587\/t-609-92\/\" class=\"_self\" target=\"_self\" >T 609 92<\/a><\/h4>\n<div class=\"pt-cv-content\">T-609-92 Sentencia No. T-609\/92 ACCION DE TUTELA-Informalidad En materia de las competencias de los jueces en el \u00e1mbito de la jurisdicci\u00f3n constitucional de la Tutela, ha quedado bien definido en jurisprudencia reiterada de esta Corporaci\u00f3n el principio de la prevalencia del derecho sustancial sobre el derecho adjetivo, lo que supone que las peticiones formuladas por esta v\u00eda deben ser examinadas de tal manera que se haga efectiva de modo preferente y sumario la finalidad de la Constituci\u00f3n en materia de la protecci\u00f3n judicial de los derechos constitucionales fundamentales. No se compadece con aquellos principios que en estos estrados se exija ...<br \/><div class=\"pt-cv-rmwrap\"><a href=\"https:\/\/www.dmsjuridica.com\/buscador_20179478954\/corteconstitucionalcronologico202454587\/t-609-92\/\" class=\"_self pt-cv-readmore btn btn-success\" target=\"_self\">Ver Sentencia Completa...<\/a><\/div><\/div><\/div><\/div>\n<div class=\"col-md-12 col-sm-12 col-xs-12 pt-cv-content-item pt-cv-1-col\" ><div class='pt-cv-ifield'><a href=\"https:\/\/www.dmsjuridica.com\/buscador_20179478954\/corteconstitucionalcronologico202454587\/t-605-92\/\" class=\"_self pt-cv-href-thumbnail pt-cv-thumb-default\" target=\"_self\" ><\/a>\n<div class=\"pt-cv-taxoterm above_title\"><a href='https:\/\/www.dmsjuridica.com\/buscador_20179478954\/corteconstitucionalcronologico202454587\/category\/buscar-en-toda-la-corte\/1992\/tutelas\/' title='Tutelas 1992' class='pt-cv-tax-tutelas'>Tutelas 1992<\/a><\/div>\n<h4 class=\"pt-cv-title\"><a href=\"https:\/\/www.dmsjuridica.com\/buscador_20179478954\/corteconstitucionalcronologico202454587\/t-605-92\/\" class=\"_self\" target=\"_self\" >T 605 92<\/a><\/h4>\n<div class=\"pt-cv-content\">T-605-92 Sentencia No. T-605\/92 JUEZ DE TUTELA-Facultades La sensibilidad del juez hacia los problemas constitucionales es una virtud imprescindible en la tarea de hacer justicia. Las decisiones jur\u00eddicas deben respetar el principio de legalidad y a la vez ofrecer una soluci\u00f3n real a los conflictos sociales. En esta tarea, el sentido de la justicia y la equidad permiten hallar el derecho. La ley, por s\u00ed misma, es siempre deficiente frente de la realidad cambiante que est\u00e1 llamada a regular. Al int\u00e9rprete le corresponde actualizar su contenido seg\u00fan las cambiantes circunstancias hist\u00f3ricas y sociales y dar una aplicaci\u00f3n correcta de las ...<br \/><div class=\"pt-cv-rmwrap\"><a href=\"https:\/\/www.dmsjuridica.com\/buscador_20179478954\/corteconstitucionalcronologico202454587\/t-605-92\/\" class=\"_self pt-cv-readmore btn btn-success\" target=\"_self\">Ver Sentencia Completa...<\/a><\/div><\/div><\/div><\/div>\n<div class=\"col-md-12 col-sm-12 col-xs-12 pt-cv-content-item pt-cv-1-col\" ><div class='pt-cv-ifield'><a href=\"https:\/\/www.dmsjuridica.com\/buscador_20179478954\/corteconstitucionalcronologico202454587\/t-604-92\/\" class=\"_self pt-cv-href-thumbnail pt-cv-thumb-default\" target=\"_self\" ><\/a>\n<div class=\"pt-cv-taxoterm above_title\"><a href='https:\/\/www.dmsjuridica.com\/buscador_20179478954\/corteconstitucionalcronologico202454587\/category\/buscar-en-toda-la-corte\/1992\/tutelas\/' title='Tutelas 1992' class='pt-cv-tax-tutelas'>Tutelas 1992<\/a><\/div>\n<h4 class=\"pt-cv-title\"><a href=\"https:\/\/www.dmsjuridica.com\/buscador_20179478954\/corteconstitucionalcronologico202454587\/t-604-92\/\" class=\"_self\" target=\"_self\" >T 604 92<\/a><\/h4>\n<div class=\"pt-cv-content\">T-604-92 Sentencia No. T-604\/92 SERVICIO PUBLICO DE TRANSPORTE La trascendental importancia econ\u00f3mica y social del transporte se refleja en el tratamiento de los servicios p\u00fablicos hecha por el constituyente. Los servicios p\u00fablicos son inherentes a la finalidad social del Estado - uno de cuyos fines esenciales es promover la prosperidad general-, factor que justifica la intervenci\u00f3n del Estado en la actividad transportadora con miras a \"racionalizar la econom\u00eda con el fin de conseguir el mejoramiento de la calidad de vida de los habitantes, la distribuci\u00f3n equitativa de las oportunidades y los beneficios del desarrollo ...\" A nivel del individuo, el ...<br \/><div class=\"pt-cv-rmwrap\"><a href=\"https:\/\/www.dmsjuridica.com\/buscador_20179478954\/corteconstitucionalcronologico202454587\/t-604-92\/\" class=\"_self pt-cv-readmore btn btn-success\" target=\"_self\">Ver Sentencia Completa...<\/a><\/div><\/div><\/div><\/div>\n<div class=\"col-md-12 col-sm-12 col-xs-12 pt-cv-content-item pt-cv-1-col\" ><div class='pt-cv-ifield'><a href=\"https:\/\/www.dmsjuridica.com\/buscador_20179478954\/corteconstitucionalcronologico202454587\/t-603-92\/\" class=\"_self pt-cv-href-thumbnail pt-cv-thumb-default\" target=\"_self\" ><\/a>\n<div class=\"pt-cv-taxoterm above_title\"><a href='https:\/\/www.dmsjuridica.com\/buscador_20179478954\/corteconstitucionalcronologico202454587\/category\/buscar-en-toda-la-corte\/1992\/tutelas\/' title='Tutelas 1992' class='pt-cv-tax-tutelas'>Tutelas 1992<\/a><\/div>\n<h4 class=\"pt-cv-title\"><a href=\"https:\/\/www.dmsjuridica.com\/buscador_20179478954\/corteconstitucionalcronologico202454587\/t-603-92\/\" class=\"_self\" target=\"_self\" >T 603 92<\/a><\/h4>\n<div class=\"pt-cv-content\">T-603-92 CORTE CONSTITUCIONAL Sentencia No. T-603\/92 DERECHO A LA HONRA-Car\u00e1cter Como derecho fundamental que es, la honra de la persona, tiene una esfera social amplia, trasciende a un circulo grande de personas y su radio de acci\u00f3n y conocimiento es proporcional a la ascendencia que la persona tiene en la sociedad. Pero se considera importante calcular que este derecho personal\u00edsimo es el resultado de la valoraci\u00f3n individual que se han formado de ella, respecto de los actos y ejecuciones que por ser acordes con la ley y los buenos modales, le brindan la certeza a quien as\u00ed se comporta de ...<br \/><div class=\"pt-cv-rmwrap\"><a href=\"https:\/\/www.dmsjuridica.com\/buscador_20179478954\/corteconstitucionalcronologico202454587\/t-603-92\/\" class=\"_self pt-cv-readmore btn btn-success\" target=\"_self\">Ver Sentencia Completa...<\/a><\/div><\/div><\/div><\/div>\n<div class=\"col-md-12 col-sm-12 col-xs-12 pt-cv-content-item pt-cv-1-col\" ><div class='pt-cv-ifield'><a href=\"https:\/\/www.dmsjuridica.com\/buscador_20179478954\/corteconstitucionalcronologico202454587\/t-602-92\/\" class=\"_self pt-cv-href-thumbnail pt-cv-thumb-default\" target=\"_self\" ><\/a>\n<div class=\"pt-cv-taxoterm above_title\"><a href='https:\/\/www.dmsjuridica.com\/buscador_20179478954\/corteconstitucionalcronologico202454587\/category\/buscar-en-toda-la-corte\/1992\/tutelas\/' title='Tutelas 1992' class='pt-cv-tax-tutelas'>Tutelas 1992<\/a><\/div>\n<h4 class=\"pt-cv-title\"><a href=\"https:\/\/www.dmsjuridica.com\/buscador_20179478954\/corteconstitucionalcronologico202454587\/t-602-92\/\" class=\"_self\" target=\"_self\" >T 602 92<\/a><\/h4>\n<div class=\"pt-cv-content\">T-602-92 JUEZ-Elecci\u00f3n\/RESERVA MORAL\/ACTO DE NOMBRAMIENTO-Vicios La convicci\u00f3n moral de la inobservancia de una vida p\u00fablica o privada compatible con la dignidad del empleo es otro m\u00e1s de los conceptos indeterminados a priori que, junto a los de Orden P\u00fablico, Inter\u00e9s General o Necesidades P\u00fablicas entre otros varios que incorporan tanto la Constituci\u00f3n como las leyes, y que sirven al ordenamiento jur\u00eddico como herramientas t\u00e9cnicas de car\u00e1cter normativo y como clausulas abiertas permiten al Constituyente y al Legislador remitirse a la administraci\u00f3n o a los jueces para efectos de encontrar y adoptar las soluciones que sean conformes con los postulados sobre ...<br \/><div class=\"pt-cv-rmwrap\"><a href=\"https:\/\/www.dmsjuridica.com\/buscador_20179478954\/corteconstitucionalcronologico202454587\/t-602-92\/\" class=\"_self pt-cv-readmore btn btn-success\" target=\"_self\">Ver Sentencia Completa...<\/a><\/div><\/div><\/div><\/div>\n<div class=\"col-md-12 col-sm-12 col-xs-12 pt-cv-content-item pt-cv-1-col\" ><div class='pt-cv-ifield'><a href=\"https:\/\/www.dmsjuridica.com\/buscador_20179478954\/corteconstitucionalcronologico202454587\/t-601-92\/\" class=\"_self pt-cv-href-thumbnail pt-cv-thumb-default\" target=\"_self\" ><\/a>\n<div class=\"pt-cv-taxoterm above_title\"><a href='https:\/\/www.dmsjuridica.com\/buscador_20179478954\/corteconstitucionalcronologico202454587\/category\/buscar-en-toda-la-corte\/1992\/tutelas\/' title='Tutelas 1992' class='pt-cv-tax-tutelas'>Tutelas 1992<\/a><\/div>\n<h4 class=\"pt-cv-title\"><a href=\"https:\/\/www.dmsjuridica.com\/buscador_20179478954\/corteconstitucionalcronologico202454587\/t-601-92\/\" class=\"_self\" target=\"_self\" >T 601 92<\/a><\/h4>\n<div class=\"pt-cv-content\">T-601-92 Sentencia No. T-601\/92 TRABAJO CARCELARIO El trabajo desarrollado por los presos es un medio indispensable -junto con el estudio y la ense\u00f1anza- para alcanzar el fin resocializador de la pena, y hace parte integrante del n\u00facleo esencial del derecho a la libertad, pues tiene la virtud de aminorar el tiempo de duraci\u00f3n de la pena a trav\u00e9s de su rebaja o redenci\u00f3n. Por la especial relaci\u00f3n del trabajo con el n\u00facleo esencial del derecho a la libertad de los presos, la administraci\u00f3n penitenciaria tiene a su cargo el deber de procurarles, en la medida de las posibilidades, una actividad ...<br \/><div class=\"pt-cv-rmwrap\"><a href=\"https:\/\/www.dmsjuridica.com\/buscador_20179478954\/corteconstitucionalcronologico202454587\/t-601-92\/\" class=\"_self pt-cv-readmore btn btn-success\" target=\"_self\">Ver Sentencia Completa...<\/a><\/div><\/div><\/div><\/div>\n<div class=\"col-md-12 col-sm-12 col-xs-12 pt-cv-content-item pt-cv-1-col\" ><div class='pt-cv-ifield'><a href=\"https:\/\/www.dmsjuridica.com\/buscador_20179478954\/corteconstitucionalcronologico202454587\/t-598-92\/\" class=\"_self pt-cv-href-thumbnail pt-cv-thumb-default\" target=\"_self\" ><\/a>\n<div class=\"pt-cv-taxoterm above_title\"><a href='https:\/\/www.dmsjuridica.com\/buscador_20179478954\/corteconstitucionalcronologico202454587\/category\/buscar-en-toda-la-corte\/1992\/tutelas\/' title='Tutelas 1992' class='pt-cv-tax-tutelas'>Tutelas 1992<\/a><\/div>\n<h4 class=\"pt-cv-title\"><a href=\"https:\/\/www.dmsjuridica.com\/buscador_20179478954\/corteconstitucionalcronologico202454587\/t-598-92\/\" class=\"_self\" target=\"_self\" >T 598 92<\/a><\/h4>\n<div class=\"pt-cv-content\">T-598-92 Sentencia No. T-598\/92 AUTONOMIA UNIVERSITARIA-Bienestar Social Entre los desarrollos constitucionales de la educaci\u00f3n, se encuentra la garant\u00eda a \"la autonom\u00eda universitaria\", que seg\u00fan el orden superior, comprende, de una parte la posibilidad de disponer la designaci\u00f3n de sus propias directivas, norma que se encuentra complementada con el inciso 2o. del art\u00edculo 68 ib\u00eddem, donde se precept\u00faa que la \"comunidad educativa participar\u00e1 en la direcci\u00f3n\"; y de otra parte, la posibilidad de \"regirse por sus propios estatutos\"; todo, sin perjuicio de acordar sus actuaciones a la ley, como resultado no s\u00f3lo de la expresi\u00f3n del texto citado, sino tambi\u00e9n de ...<br \/><div class=\"pt-cv-rmwrap\"><a href=\"https:\/\/www.dmsjuridica.com\/buscador_20179478954\/corteconstitucionalcronologico202454587\/t-598-92\/\" class=\"_self pt-cv-readmore btn btn-success\" target=\"_self\">Ver Sentencia Completa...<\/a><\/div><\/div><\/div><\/div>\n<div class=\"col-md-12 col-sm-12 col-xs-12 pt-cv-content-item pt-cv-1-col\" ><div class='pt-cv-ifield'><a href=\"https:\/\/www.dmsjuridica.com\/buscador_20179478954\/corteconstitucionalcronologico202454587\/t-597-92\/\" class=\"_self pt-cv-href-thumbnail pt-cv-thumb-default\" target=\"_self\" ><\/a>\n<div class=\"pt-cv-taxoterm above_title\"><a href='https:\/\/www.dmsjuridica.com\/buscador_20179478954\/corteconstitucionalcronologico202454587\/category\/buscar-en-toda-la-corte\/1992\/tutelas\/' title='Tutelas 1992' class='pt-cv-tax-tutelas'>Tutelas 1992<\/a><\/div>\n<h4 class=\"pt-cv-title\"><a href=\"https:\/\/www.dmsjuridica.com\/buscador_20179478954\/corteconstitucionalcronologico202454587\/t-597-92\/\" class=\"_self\" target=\"_self\" >T 597 92<\/a><\/h4>\n<div class=\"pt-cv-content\">T-597-92 Sentencia No. T-597\/92 ARBITROS-Elecci\u00f3n Puesto que la autoridad judicial competente no atendi\u00f3 la solicitud del peticionario enderezada a determinar si el \u00e1rbitro que les correspond\u00eda elegir a los trabajadores lo fue o no en debida forma de acuerdo con las normas vigentes en la materia, esta Corte no posee los elementos indispensables para determinar en toda su magnitud el alcance exacto de la omisi\u00f3n y la consiguiente vulneraci\u00f3n del derecho fundamental al debido proceso. Lo anterior no obsta para que esta Corporaci\u00f3n advierta con toda claridad que si dicho \u00e1rbitro no fue elegido en la forma prevista por la ...<br \/><div class=\"pt-cv-rmwrap\"><a href=\"https:\/\/www.dmsjuridica.com\/buscador_20179478954\/corteconstitucionalcronologico202454587\/t-597-92\/\" class=\"_self pt-cv-readmore btn btn-success\" target=\"_self\">Ver Sentencia Completa...<\/a><\/div><\/div><\/div><\/div>\n<div class=\"col-md-12 col-sm-12 col-xs-12 pt-cv-content-item pt-cv-1-col\" ><div class='pt-cv-ifield'><a href=\"https:\/\/www.dmsjuridica.com\/buscador_20179478954\/corteconstitucionalcronologico202454587\/t-596-92\/\" class=\"_self pt-cv-href-thumbnail pt-cv-thumb-default\" target=\"_self\" ><\/a>\n<div class=\"pt-cv-taxoterm above_title\"><a href='https:\/\/www.dmsjuridica.com\/buscador_20179478954\/corteconstitucionalcronologico202454587\/category\/buscar-en-toda-la-corte\/1992\/tutelas\/' title='Tutelas 1992' class='pt-cv-tax-tutelas'>Tutelas 1992<\/a><\/div>\n<h4 class=\"pt-cv-title\"><a href=\"https:\/\/www.dmsjuridica.com\/buscador_20179478954\/corteconstitucionalcronologico202454587\/t-596-92\/\" class=\"_self\" target=\"_self\" >T 596 92<\/a><\/h4>\n<div class=\"pt-cv-content\">T-596-92 Sentencia No. T-596\/92 DERECHOS DEL INTERNO-Responsabilidad del Estado Si bien es cierto que la condici\u00f3n de prisionero determina una dr\u00e1stica limitaci\u00f3n de los derechos fundamentales, dicha limitaci\u00f3n debe ser la m\u00ednima necesaria par lograr el fin propuesto. Toda limitaci\u00f3n adicional debe ser entendida como un exceso y, por lo tanto, como una violaci\u00f3n del tales derechos. La \u00f3rbita de los derechos del preso cuya limitaci\u00f3n resulta innecesaria, es tan digna de respeto y su protecci\u00f3n constitucional es tan fuerte y efectiva como la de cualquier persona no sometida a las condiciones carcelarias. Los derechos no limitados del sindicado o ...<br \/><div class=\"pt-cv-rmwrap\"><a href=\"https:\/\/www.dmsjuridica.com\/buscador_20179478954\/corteconstitucionalcronologico202454587\/t-596-92\/\" class=\"_self pt-cv-readmore btn btn-success\" target=\"_self\">Ver Sentencia Completa...<\/a><\/div><\/div><\/div><\/div>\n<div class=\"col-md-12 col-sm-12 col-xs-12 pt-cv-content-item pt-cv-1-col\" ><div class='pt-cv-ifield'><a href=\"https:\/\/www.dmsjuridica.com\/buscador_20179478954\/corteconstitucionalcronologico202454587\/t-595-92\/\" class=\"_self pt-cv-href-thumbnail pt-cv-thumb-default\" target=\"_self\" ><\/a>\n<div class=\"pt-cv-taxoterm above_title\"><a href='https:\/\/www.dmsjuridica.com\/buscador_20179478954\/corteconstitucionalcronologico202454587\/category\/buscar-en-toda-la-corte\/1992\/tutelas\/' title='Tutelas 1992' class='pt-cv-tax-tutelas'>Tutelas 1992<\/a><\/div>\n<h4 class=\"pt-cv-title\"><a href=\"https:\/\/www.dmsjuridica.com\/buscador_20179478954\/corteconstitucionalcronologico202454587\/t-595-92\/\" class=\"_self\" target=\"_self\" >T 595 92<\/a><\/h4>\n<div class=\"pt-cv-content\">T-595-92 Sentencia No. T-595\/92 MEDIO DE DEFENSA JUDICIAL-Eficacia La sola comprobaci\u00f3n del uso que ha hecho el petente de un recurso ordinario, previsto en la legislaci\u00f3n procesal en desarrollo de lo estatu\u00eddo por la Carta, permite a la Corte afirmar sin rodeos que, con arreglo al mandato contenido en el inciso tercero del art\u00edculo 86 de la Constituci\u00f3n, no era procedente la acci\u00f3n de tutela intentada por cuanto exist\u00eda otro medio de defensa judicial dentro del mismo proceso penal. PERJUICIO IRREMEDIABLE-Inexistencia No puede hablarse de un perjuicio irremediable susceptible de ser evitado mediante la acci\u00f3n de tutela aplicada como mecanismo ...<br \/><div class=\"pt-cv-rmwrap\"><a href=\"https:\/\/www.dmsjuridica.com\/buscador_20179478954\/corteconstitucionalcronologico202454587\/t-595-92\/\" class=\"_self pt-cv-readmore btn btn-success\" target=\"_self\">Ver Sentencia Completa...<\/a><\/div><\/div><\/div><\/div>\n<div class=\"col-md-12 col-sm-12 col-xs-12 pt-cv-content-item pt-cv-1-col\" ><div class='pt-cv-ifield'><a href=\"https:\/\/www.dmsjuridica.com\/buscador_20179478954\/corteconstitucionalcronologico202454587\/t-594-92\/\" class=\"_self pt-cv-href-thumbnail pt-cv-thumb-default\" target=\"_self\" ><\/a>\n<div class=\"pt-cv-taxoterm above_title\"><a href='https:\/\/www.dmsjuridica.com\/buscador_20179478954\/corteconstitucionalcronologico202454587\/category\/buscar-en-toda-la-corte\/1992\/tutelas\/' title='Tutelas 1992' class='pt-cv-tax-tutelas'>Tutelas 1992<\/a><\/div>\n<h4 class=\"pt-cv-title\"><a href=\"https:\/\/www.dmsjuridica.com\/buscador_20179478954\/corteconstitucionalcronologico202454587\/t-594-92\/\" class=\"_self\" target=\"_self\" >T 594 92<\/a><\/h4>\n<div class=\"pt-cv-content\">T-594-92 Sentencia No. T-594\/92 ACCION DE TUTELA CONTRA PARTICULARES-Improcedencia La acci\u00f3n de tutela solo es procedente contra particulares en los casos taxativamente se\u00f1alados por el indicado precepto legal. En el presente asunto es claro que no cab\u00eda acci\u00f3n de tutela contra la sociedad \"Fernando Corena &amp; C\u00eda Ltda.\", pues la petente no se encontraba respecto de ella en ninguna de las hip\u00f3tesis previstas en el art\u00edculo 86 de la Constituci\u00f3n ni en el art\u00edculo 42 del Decreto 2591 de 1991. A pesar de lo aseverado por la demandante en el sentido de que dicha compa\u00f1\u00eda tiene a cargo la funci\u00f3n ...<br \/><div class=\"pt-cv-rmwrap\"><a href=\"https:\/\/www.dmsjuridica.com\/buscador_20179478954\/corteconstitucionalcronologico202454587\/t-594-92\/\" class=\"_self pt-cv-readmore btn btn-success\" target=\"_self\">Ver Sentencia Completa...<\/a><\/div><\/div><\/div><\/div>\n<div class=\"col-md-12 col-sm-12 col-xs-12 pt-cv-content-item pt-cv-1-col\" ><div class='pt-cv-ifield'><a href=\"https:\/\/www.dmsjuridica.com\/buscador_20179478954\/corteconstitucionalcronologico202454587\/t-593-92\/\" class=\"_self pt-cv-href-thumbnail pt-cv-thumb-default\" target=\"_self\" ><\/a>\n<div class=\"pt-cv-taxoterm above_title\"><a href='https:\/\/www.dmsjuridica.com\/buscador_20179478954\/corteconstitucionalcronologico202454587\/category\/buscar-en-toda-la-corte\/1992\/tutelas\/' title='Tutelas 1992' class='pt-cv-tax-tutelas'>Tutelas 1992<\/a><\/div>\n<h4 class=\"pt-cv-title\"><a href=\"https:\/\/www.dmsjuridica.com\/buscador_20179478954\/corteconstitucionalcronologico202454587\/t-593-92\/\" class=\"_self\" target=\"_self\" >T 593 92<\/a><\/h4>\n<div class=\"pt-cv-content\">T-593-92 Sentencia No. T-593\/92 MEDIO DE DEFENSA JUDICIAL-Eficacia Esta calificaci\u00f3n de idoneidad, atribu\u00edble al medio de defensa judicial alternativo, es una condici\u00f3n indispensable para que el juez pueda estructurar sobre la base de su existencia la improcedencia de la acci\u00f3n. Recu\u00e9rdese que la pretensi\u00f3n del Constituyente y, por tanto, la finalidad que debe perseguir la autoridad judicial al administrar justicia en sede de tutela es la certeza en la realizaci\u00f3n de los derechos cuya efectividad concreta se ve comprometida en el caso bajo examen, por encima de consideraciones de \u00edndole formal capaces de sacrificar el contenido material de aquellos.El medio ...<br \/><div class=\"pt-cv-rmwrap\"><a href=\"https:\/\/www.dmsjuridica.com\/buscador_20179478954\/corteconstitucionalcronologico202454587\/t-593-92\/\" class=\"_self pt-cv-readmore btn btn-success\" target=\"_self\">Ver Sentencia Completa...<\/a><\/div><\/div><\/div><\/div>\n<div class=\"col-md-12 col-sm-12 col-xs-12 pt-cv-content-item pt-cv-1-col\" ><div class='pt-cv-ifield'><a href=\"https:\/\/www.dmsjuridica.com\/buscador_20179478954\/corteconstitucionalcronologico202454587\/t-591-92\/\" class=\"_self pt-cv-href-thumbnail pt-cv-thumb-default\" target=\"_self\" ><\/a>\n<div class=\"pt-cv-taxoterm above_title\"><a href='https:\/\/www.dmsjuridica.com\/buscador_20179478954\/corteconstitucionalcronologico202454587\/category\/buscar-en-toda-la-corte\/1992\/tutelas\/' title='Tutelas 1992' class='pt-cv-tax-tutelas'>Tutelas 1992<\/a><\/div>\n<h4 class=\"pt-cv-title\"><a href=\"https:\/\/www.dmsjuridica.com\/buscador_20179478954\/corteconstitucionalcronologico202454587\/t-591-92\/\" class=\"_self\" target=\"_self\" >T 591 92<\/a><\/h4>\n<div class=\"pt-cv-content\">T-591-92 Sentencia No. T-591\/92 COMPETENCIA DE TUTELA-Territorio IGUALDAD DE OPORTUNIDADES\/DERECHO AL EJERCICIO DE CARGOS PUBLICOS En materia de la organizaci\u00f3n y funcionamiento de las instituciones p\u00fablicas, la igualdad de oportunidades se entiende como el derecho a participar en el poder pol\u00edtico, a ser respetado y a ser tenido en cuenta con similar consideraci\u00f3n que las dem\u00e1s personas. Uno de los medios a trav\u00e9s del cual estos se ejercen, es el derecho a ocupar cargos en la administraci\u00f3n. El postulado de la democracia participativa consagrado en el pre\u00e1mbulo y en los art\u00edculos 1o. y 2o. de la Carta, inspira los derechos ...<br \/><div class=\"pt-cv-rmwrap\"><a href=\"https:\/\/www.dmsjuridica.com\/buscador_20179478954\/corteconstitucionalcronologico202454587\/t-591-92\/\" class=\"_self pt-cv-readmore btn btn-success\" target=\"_self\">Ver Sentencia Completa...<\/a><\/div><\/div><\/div><\/div>\n<div class=\"col-md-12 col-sm-12 col-xs-12 pt-cv-content-item pt-cv-1-col\" ><div class='pt-cv-ifield'><a href=\"https:\/\/www.dmsjuridica.com\/buscador_20179478954\/corteconstitucionalcronologico202454587\/t-585-92\/\" class=\"_self pt-cv-href-thumbnail pt-cv-thumb-default\" target=\"_self\" ><\/a>\n<div class=\"pt-cv-taxoterm above_title\"><a href='https:\/\/www.dmsjuridica.com\/buscador_20179478954\/corteconstitucionalcronologico202454587\/category\/buscar-en-toda-la-corte\/1992\/tutelas\/' title='Tutelas 1992' class='pt-cv-tax-tutelas'>Tutelas 1992<\/a><\/div>\n<h4 class=\"pt-cv-title\"><a href=\"https:\/\/www.dmsjuridica.com\/buscador_20179478954\/corteconstitucionalcronologico202454587\/t-585-92\/\" class=\"_self\" target=\"_self\" >T 585 92<\/a><\/h4>\n<div class=\"pt-cv-content\">T-585-92 CORTE CONSTITUCIONAL Relator\u00eda Sentencia No. T-585\/92 DERECHOS FUNDAMENTALES Existen unos derechos inalienables, enajenables e imprescriptibles que hacen parte de la esencia del hombre. Esos derechos as\u00ed considerados y por esa condici\u00f3n especial, tienen mayor importancia que otros incorporados a la norma constitucional y en otras leyes comunes, dentro del sistema jur\u00eddico colombiano. Estos derechos est\u00e1n expresamente se\u00f1alados como fundamentales. OBLIGACION CIVIL\/DERECHO A LA LIBERTAD\/DERECHO FUNDAMENTAL La simple insolvencia de las personas frente al pago de las obligaciones o el incumplimiento por cualquier otra causal, que no contrar\u00eda el ordenamiento primitivo vigente, en ning\u00fan momento puede ser motivo para la ...<br \/><div class=\"pt-cv-rmwrap\"><a href=\"https:\/\/www.dmsjuridica.com\/buscador_20179478954\/corteconstitucionalcronologico202454587\/t-585-92\/\" class=\"_self pt-cv-readmore btn btn-success\" target=\"_self\">Ver Sentencia Completa...<\/a><\/div><\/div><\/div><\/div>\n<div class=\"col-md-12 col-sm-12 col-xs-12 pt-cv-content-item pt-cv-1-col\" ><div class='pt-cv-ifield'><a href=\"https:\/\/www.dmsjuridica.com\/buscador_20179478954\/corteconstitucionalcronologico202454587\/t-584-92\/\" class=\"_self pt-cv-href-thumbnail pt-cv-thumb-default\" target=\"_self\" ><\/a>\n<div class=\"pt-cv-taxoterm above_title\"><a href='https:\/\/www.dmsjuridica.com\/buscador_20179478954\/corteconstitucionalcronologico202454587\/category\/buscar-en-toda-la-corte\/1992\/tutelas\/' title='Tutelas 1992' class='pt-cv-tax-tutelas'>Tutelas 1992<\/a><\/div>\n<h4 class=\"pt-cv-title\"><a href=\"https:\/\/www.dmsjuridica.com\/buscador_20179478954\/corteconstitucionalcronologico202454587\/t-584-92\/\" class=\"_self\" target=\"_self\" >T 584 92<\/a><\/h4>\n<div class=\"pt-cv-content\">T-584-92 Sentencia No. T-584\/92 REGISTRO CIVIL A partir de la vigencia del Decreto 1260 de 1970 todos los estados civiles y sus alteraciones deben constar en el registro civil, el cual es llevado por funcionarios especiales del Estado. Todos los nacimientos, matrimonios, defunciones, separaciones de cuerpos o de bienes, interdicciones jur\u00eddicas, etc., deben inscribirse en el registro civil. ESTADO CIVIL-Pruebas Supletorias Las antiguas pruebas supletorias de la Ley 92 de 1.938 conservan todo su valor. En dichos casos el acto de registro del estado civil surge en la partida de bautismo, sin necesidad de una posterior participaci\u00f3n del Estado. FUNCION ...<br \/><div class=\"pt-cv-rmwrap\"><a href=\"https:\/\/www.dmsjuridica.com\/buscador_20179478954\/corteconstitucionalcronologico202454587\/t-584-92\/\" class=\"_self pt-cv-readmore btn btn-success\" target=\"_self\">Ver Sentencia Completa...<\/a><\/div><\/div><\/div><\/div>\n<div class=\"col-md-12 col-sm-12 col-xs-12 pt-cv-content-item pt-cv-1-col\" ><div class='pt-cv-ifield'><a href=\"https:\/\/www.dmsjuridica.com\/buscador_20179478954\/corteconstitucionalcronologico202454587\/t-583-92\/\" class=\"_self pt-cv-href-thumbnail pt-cv-thumb-default\" target=\"_self\" ><\/a>\n<div class=\"pt-cv-taxoterm above_title\"><a href='https:\/\/www.dmsjuridica.com\/buscador_20179478954\/corteconstitucionalcronologico202454587\/category\/buscar-en-toda-la-corte\/1992\/tutelas\/' title='Tutelas 1992' class='pt-cv-tax-tutelas'>Tutelas 1992<\/a><\/div>\n<h4 class=\"pt-cv-title\"><a href=\"https:\/\/www.dmsjuridica.com\/buscador_20179478954\/corteconstitucionalcronologico202454587\/t-583-92\/\" class=\"_self\" target=\"_self\" >T 583 92<\/a><\/h4>\n<div class=\"pt-cv-content\">T-583-92 Sentencia No. T-583\/92 ACCION DE TUTELA-Objeto\/DERECHOS FUNDAMENTALES\/PERJUICIO IRREMEDIABLE La acci\u00f3n de tutela ha sido concebida \u00fanicamente para dar soluci\u00f3n eficiente a situaciones de hecho creadas por actos u omisiones que implican la transgresi\u00f3n o la amenaza de un derecho fundamental, respecto de las cuales el sistema jur\u00eddico no tiene previsto otro mecanismo susceptible de ser invocado ante los jueces a objeto de lograr la protecci\u00f3n del derecho; es decir, tiene cabida dentro del ordenamiento constitucional para dar respuesta eficiente y oportuna a circunstancias en que, por carencia de previsiones normativas espec\u00edficas, el afectado queda sujeto, de no ser por ...<br \/><div class=\"pt-cv-rmwrap\"><a href=\"https:\/\/www.dmsjuridica.com\/buscador_20179478954\/corteconstitucionalcronologico202454587\/t-583-92\/\" class=\"_self pt-cv-readmore btn btn-success\" target=\"_self\">Ver Sentencia Completa...<\/a><\/div><\/div><\/div><\/div>\n<div class=\"col-md-12 col-sm-12 col-xs-12 pt-cv-content-item pt-cv-1-col\" ><div class='pt-cv-ifield'><a href=\"https:\/\/www.dmsjuridica.com\/buscador_20179478954\/corteconstitucionalcronologico202454587\/t-582-92\/\" class=\"_self pt-cv-href-thumbnail pt-cv-thumb-default\" target=\"_self\" ><\/a>\n<div class=\"pt-cv-taxoterm above_title\"><a href='https:\/\/www.dmsjuridica.com\/buscador_20179478954\/corteconstitucionalcronologico202454587\/category\/buscar-en-toda-la-corte\/1992\/tutelas\/' title='Tutelas 1992' class='pt-cv-tax-tutelas'>Tutelas 1992<\/a><\/div>\n<h4 class=\"pt-cv-title\"><a href=\"https:\/\/www.dmsjuridica.com\/buscador_20179478954\/corteconstitucionalcronologico202454587\/t-582-92\/\" class=\"_self\" target=\"_self\" >T 582 92<\/a><\/h4>\n<div class=\"pt-cv-content\">T-582-92 Sentencia No. T-582\/92 SANCION DISCIPLINARIA-Naturaleza\/ACTO JURISDICCIONAL El legislador extraordinario al reglamentar el r\u00e9gimen disciplinario de los funcionarios y empleados de la rama jurisdiccional opt\u00f3 por atribuir de manera general car\u00e1cter judicial a las decisiones dictadas al t\u00e9rmino de un proceso disciplinario en contra de \u00e9stos. En efecto, el Legislador Extraordinario determin\u00f3 que \"las providencias que en materia disciplinaria se dicten en relaci\u00f3n con los funcionarios y empleados judiciales son actos jurisdiccionales, no susceptibles de acci\u00f3n contencioso administrativa. Se podr\u00eda plantear, en abstracto, una posible inconstitucionalidad de la norma que atribuye naturaleza jurisdiccional a todas las decisiones disciplinarias en relaci\u00f3n ...<br \/><div class=\"pt-cv-rmwrap\"><a href=\"https:\/\/www.dmsjuridica.com\/buscador_20179478954\/corteconstitucionalcronologico202454587\/t-582-92\/\" class=\"_self pt-cv-readmore btn btn-success\" target=\"_self\">Ver Sentencia Completa...<\/a><\/div><\/div><\/div><\/div>\n<div class=\"col-md-12 col-sm-12 col-xs-12 pt-cv-content-item pt-cv-1-col\" ><div class='pt-cv-ifield'><a href=\"https:\/\/www.dmsjuridica.com\/buscador_20179478954\/corteconstitucionalcronologico202454587\/t-581-92\/\" class=\"_self pt-cv-href-thumbnail pt-cv-thumb-default\" target=\"_self\" ><\/a>\n<div class=\"pt-cv-taxoterm above_title\"><a href='https:\/\/www.dmsjuridica.com\/buscador_20179478954\/corteconstitucionalcronologico202454587\/category\/buscar-en-toda-la-corte\/1992\/tutelas\/' title='Tutelas 1992' class='pt-cv-tax-tutelas'>Tutelas 1992<\/a><\/div>\n<h4 class=\"pt-cv-title\"><a href=\"https:\/\/www.dmsjuridica.com\/buscador_20179478954\/corteconstitucionalcronologico202454587\/t-581-92\/\" class=\"_self\" target=\"_self\" >T 581 92<\/a><\/h4>\n<div class=\"pt-cv-content\">T-581-92 Sentencia No. T-581\/92 DERECHO AL TRABAJO-Vulneraci\u00f3n Se configura la vulneraci\u00f3n del derecho fundamental al trabajo ya que la prohibici\u00f3n de ingresar a las instalaciones del terminal mar\u00edtimo, con fundamento en simples sospechas, impiden que el peticionario pueda continuar desarrollando sus funciones y de paso abre la posibilidad, de que su patrono de por terminado el contrato de trabajo. PRESUNCION DE INOCENCIA\/DERECHOS FUNDAMENTALES\/DEBIDO PROCESO Con la consagraci\u00f3n de la presunci\u00f3n de inocencia como derecho fundamental constitucional extensivo a toda disciplina sancionatoria se busca vincular a las autoridades que, en ejercicio de sus funciones, impongan sanciones de cualquier \u00edndole. De esta ...<br \/><div class=\"pt-cv-rmwrap\"><a href=\"https:\/\/www.dmsjuridica.com\/buscador_20179478954\/corteconstitucionalcronologico202454587\/t-581-92\/\" class=\"_self pt-cv-readmore btn btn-success\" target=\"_self\">Ver Sentencia Completa...<\/a><\/div><\/div><\/div><\/div>\n<div class=\"col-md-12 col-sm-12 col-xs-12 pt-cv-content-item pt-cv-1-col\" ><div class='pt-cv-ifield'><a href=\"https:\/\/www.dmsjuridica.com\/buscador_20179478954\/corteconstitucionalcronologico202454587\/t-578-92\/\" class=\"_self pt-cv-href-thumbnail pt-cv-thumb-default\" target=\"_self\" ><\/a>\n<div class=\"pt-cv-taxoterm above_title\"><a href='https:\/\/www.dmsjuridica.com\/buscador_20179478954\/corteconstitucionalcronologico202454587\/category\/buscar-en-toda-la-corte\/1992\/tutelas\/' title='Tutelas 1992' class='pt-cv-tax-tutelas'>Tutelas 1992<\/a><\/div>\n<h4 class=\"pt-cv-title\"><a href=\"https:\/\/www.dmsjuridica.com\/buscador_20179478954\/corteconstitucionalcronologico202454587\/t-578-92\/\" class=\"_self\" target=\"_self\" >T 578 92<\/a><\/h4>\n<div class=\"pt-cv-content\">T-578-92 Sentencia No. T-578\/92 SERVICIOS PUBLICOS DOMICILIARIOS-Finalidad\/DERECHO AL SERVICIO DE ACUEDUCTO Los servicios p\u00fablicos \"domiciliarios\" son aquellos que se prestan a trav\u00e9s del sistema de redes f\u00edsicas o humanas con puntos terminales en las viviendas o sitios de trabajo de los usuarios y cumplen la finalidad espec\u00edfica de satisfacer las necesidades esenciales de las personas. El servicio p\u00fablico es el g\u00e9nero y el servicio p\u00fablico domiciliario es especie de aqu\u00e9l. Y en segundo lugar se concluye que el acueducto es un servicio p\u00fablico domiciliario. As\u00ed pues, la conexi\u00f3n de redes de acueducto y alcantarillado en un predio que lo habilite ...<br \/><div class=\"pt-cv-rmwrap\"><a href=\"https:\/\/www.dmsjuridica.com\/buscador_20179478954\/corteconstitucionalcronologico202454587\/t-578-92\/\" class=\"_self pt-cv-readmore btn btn-success\" target=\"_self\">Ver Sentencia Completa...<\/a><\/div><\/div><\/div><\/div>\n<div class=\"col-md-12 col-sm-12 col-xs-12 pt-cv-content-item pt-cv-1-col\" ><div class='pt-cv-ifield'><a href=\"https:\/\/www.dmsjuridica.com\/buscador_20179478954\/corteconstitucionalcronologico202454587\/t-577-92\/\" class=\"_self pt-cv-href-thumbnail pt-cv-thumb-default\" target=\"_self\" ><\/a>\n<div class=\"pt-cv-taxoterm above_title\"><a href='https:\/\/www.dmsjuridica.com\/buscador_20179478954\/corteconstitucionalcronologico202454587\/category\/buscar-en-toda-la-corte\/1992\/tutelas\/' title='Tutelas 1992' class='pt-cv-tax-tutelas'>Tutelas 1992<\/a><\/div>\n<h4 class=\"pt-cv-title\"><a href=\"https:\/\/www.dmsjuridica.com\/buscador_20179478954\/corteconstitucionalcronologico202454587\/t-577-92\/\" class=\"_self\" target=\"_self\" >T 577 92<\/a><\/h4>\n<div class=\"pt-cv-content\">T-577-92 Sentencia No. T-577\/92 BANCO DE DATOS\/DERECHO A LA INFORMACION La utilizaci\u00f3n de datos personales es permitida mientras no se vulneren los derechos a la intimidad, la honra y el buen nombre. Los t\u00e9rminos de prescripci\u00f3n de las acciones cambiarias y ordinarias son, entre otros, l\u00edmites jur\u00eddicos al derecho a informar y recibir informaci\u00f3n. La razonalidad de la limitaci\u00f3n al derecho a informar y recibir informaci\u00f3n sistematizada radica en que s\u00f3lo durante el t\u00e9rmino prudencial para hacer uso de las v\u00edas judiciales se justifica el ejercicio del control social que eventualmente un particular ejerce respecto de otro, lo cual se ...<br \/><div class=\"pt-cv-rmwrap\"><a href=\"https:\/\/www.dmsjuridica.com\/buscador_20179478954\/corteconstitucionalcronologico202454587\/t-577-92\/\" class=\"_self pt-cv-readmore btn btn-success\" target=\"_self\">Ver Sentencia Completa...<\/a><\/div><\/div><\/div><\/div>\n<div class=\"col-md-12 col-sm-12 col-xs-12 pt-cv-content-item pt-cv-1-col\" ><div class='pt-cv-ifield'><a href=\"https:\/\/www.dmsjuridica.com\/buscador_20179478954\/corteconstitucionalcronologico202454587\/t-576-92\/\" class=\"_self pt-cv-href-thumbnail pt-cv-thumb-default\" target=\"_self\" ><\/a>\n<div class=\"pt-cv-taxoterm above_title\"><a href='https:\/\/www.dmsjuridica.com\/buscador_20179478954\/corteconstitucionalcronologico202454587\/category\/buscar-en-toda-la-corte\/1992\/tutelas\/' title='Tutelas 1992' class='pt-cv-tax-tutelas'>Tutelas 1992<\/a><\/div>\n<h4 class=\"pt-cv-title\"><a href=\"https:\/\/www.dmsjuridica.com\/buscador_20179478954\/corteconstitucionalcronologico202454587\/t-576-92\/\" class=\"_self\" target=\"_self\" >T 576 92<\/a><\/h4>\n<div class=\"pt-cv-content\">T-576-92 Sentencia No. T-576\/92 DEBIDO PROCESO\/RECURSOS ADMINISTRATIVOS El Derecho Fundamental al Debido Proceso Administrativo es un conjunto complejo de circunstancias de la administraci\u00f3n que le impone la ley para su ordenado funcionamiento, para la seguridad jur\u00eddica de los administrados y para la validez de sus propias actuaciones. Dentro de aquellas circunstancias, se encuentran los medios, que el conocimiento jur\u00eddico denomina \"RECURSOS\", a disposici\u00f3n de los administrados para defenderse de los posibles desaciertos de la administraci\u00f3n, bien sea irregularidad formal, injusticia o inconveniencia, hip\u00f3tesis todas previstas en la ley, y que provocan con su uso la denominada \"v\u00eda gubernativa\", a fin ...<br \/><div class=\"pt-cv-rmwrap\"><a href=\"https:\/\/www.dmsjuridica.com\/buscador_20179478954\/corteconstitucionalcronologico202454587\/t-576-92\/\" class=\"_self pt-cv-readmore btn btn-success\" target=\"_self\">Ver Sentencia Completa...<\/a><\/div><\/div><\/div><\/div>\n<div class=\"col-md-12 col-sm-12 col-xs-12 pt-cv-content-item pt-cv-1-col\" ><div class='pt-cv-ifield'><a href=\"https:\/\/www.dmsjuridica.com\/buscador_20179478954\/corteconstitucionalcronologico202454587\/t-573-92\/\" class=\"_self pt-cv-href-thumbnail pt-cv-thumb-default\" target=\"_self\" ><\/a>\n<div class=\"pt-cv-taxoterm above_title\"><a href='https:\/\/www.dmsjuridica.com\/buscador_20179478954\/corteconstitucionalcronologico202454587\/category\/buscar-en-toda-la-corte\/1992\/tutelas\/' title='Tutelas 1992' class='pt-cv-tax-tutelas'>Tutelas 1992<\/a><\/div>\n<h4 class=\"pt-cv-title\"><a href=\"https:\/\/www.dmsjuridica.com\/buscador_20179478954\/corteconstitucionalcronologico202454587\/t-573-92\/\" class=\"_self\" target=\"_self\" >T 573 92<\/a><\/h4>\n<div class=\"pt-cv-content\">T-573-92 Sentencia No. T-573\/92 ACCION DE TUTELA CONTRA PARTICULARES-Indefensi\u00f3n La acci\u00f3n de tutela no procede contra todos o contra cualquier particular. S\u00f3lo procede contra los particulares en aquellos casos en que expresa y taxativamente lo autorice la ley para tutelar los derechos en ella previstos. S\u00f3lo procede para proteger el derecho a la vida y a la integridad. Cuando se trate de la vulneraci\u00f3n de derechos distintos a \u00e9stos, el int\u00e9rprete tendr\u00e1 que estudiar si los hechos encajan en los supuestos de alg\u00fan otro numeral distinto al noveno. De otro modo, no proceder\u00e1 la tutela. La situaci\u00f3n de indefensi\u00f3n a ...<br \/><div class=\"pt-cv-rmwrap\"><a href=\"https:\/\/www.dmsjuridica.com\/buscador_20179478954\/corteconstitucionalcronologico202454587\/t-573-92\/\" class=\"_self pt-cv-readmore btn btn-success\" target=\"_self\">Ver Sentencia Completa...<\/a><\/div><\/div><\/div><\/div>\n<div class=\"col-md-12 col-sm-12 col-xs-12 pt-cv-content-item pt-cv-1-col\" ><div class='pt-cv-ifield'><a href=\"https:\/\/www.dmsjuridica.com\/buscador_20179478954\/corteconstitucionalcronologico202454587\/t-572-92\/\" class=\"_self pt-cv-href-thumbnail pt-cv-thumb-default\" target=\"_self\" ><\/a>\n<div class=\"pt-cv-taxoterm above_title\"><a href='https:\/\/www.dmsjuridica.com\/buscador_20179478954\/corteconstitucionalcronologico202454587\/category\/buscar-en-toda-la-corte\/1992\/tutelas\/' title='Tutelas 1992' class='pt-cv-tax-tutelas'>Tutelas 1992<\/a><\/div>\n<h4 class=\"pt-cv-title\"><a href=\"https:\/\/www.dmsjuridica.com\/buscador_20179478954\/corteconstitucionalcronologico202454587\/t-572-92\/\" class=\"_self\" target=\"_self\" >T 572 92<\/a><\/h4>\n<div class=\"pt-cv-content\">T-572-92 Sentencia No. T-572\/92 AUTORIDAD PUBLICA-Concepto Como autoridad p\u00fablica se debe entender todas aquellas personas que est\u00e1n facultadas por la normatividad para ejercer poder de mando o de decisi\u00f3n en nombre del Estado y cuyas actuaciones obligan y afectan a los particulares. Ninguna autoridad p\u00fablica puede desconocer el valor normativo y la efectividad de los derechos y garant\u00edas que la Constituci\u00f3n consagra en favor de las personas. Todas las autoridades, sin excepci\u00f3n, deben proteger y promover su cumplimiento y respeto. ACCION DE TUTELA-Objeto\/DERECHOS FUNDAMENTALES La consagraci\u00f3n constitucional de la acci\u00f3n de tutela pretende establecer un procedimiento, o eventualmente un conjunto ...<br \/><div class=\"pt-cv-rmwrap\"><a href=\"https:\/\/www.dmsjuridica.com\/buscador_20179478954\/corteconstitucionalcronologico202454587\/t-572-92\/\" class=\"_self pt-cv-readmore btn btn-success\" target=\"_self\">Ver Sentencia Completa...<\/a><\/div><\/div><\/div><\/div>\n<div class=\"col-md-12 col-sm-12 col-xs-12 pt-cv-content-item pt-cv-1-col\" ><div class='pt-cv-ifield'><a href=\"https:\/\/www.dmsjuridica.com\/buscador_20179478954\/corteconstitucionalcronologico202454587\/t-571-92\/\" class=\"_self pt-cv-href-thumbnail pt-cv-thumb-default\" target=\"_self\" ><\/a>\n<div class=\"pt-cv-taxoterm above_title\"><a href='https:\/\/www.dmsjuridica.com\/buscador_20179478954\/corteconstitucionalcronologico202454587\/category\/buscar-en-toda-la-corte\/1992\/tutelas\/' title='Tutelas 1992' class='pt-cv-tax-tutelas'>Tutelas 1992<\/a><\/div>\n<h4 class=\"pt-cv-title\"><a href=\"https:\/\/www.dmsjuridica.com\/buscador_20179478954\/corteconstitucionalcronologico202454587\/t-571-92\/\" class=\"_self\" target=\"_self\" >T 571 92<\/a><\/h4>\n<div class=\"pt-cv-content\">T-571-92 Sentencia No. T-571\/92 JUEZ DE TUTELA-Facultades El contenido de la solicitud de tutela no es \u00f3bice para que el Juez que conozca del caso proceda a brindar protecci\u00f3n por concepto de otros derechos constitucionales que resulten afectados por la acci\u00f3n u omisi\u00f3n de cualquier autoridad p\u00fablica, por cuanto el fallo de tutela no est\u00e1 limitado a lo pedido por el accionante, sino que, si el juez encuentra que en efecto est\u00e1n amenazados o han sido o son vulnerados derechos constitucionales fundamentales distintos de aquellos que el peticionario menciona, as\u00ed debe manifestarlo y ordenar la protecci\u00f3n de los mismos, toda ...<br \/><div class=\"pt-cv-rmwrap\"><a href=\"https:\/\/www.dmsjuridica.com\/buscador_20179478954\/corteconstitucionalcronologico202454587\/t-571-92\/\" class=\"_self pt-cv-readmore btn btn-success\" target=\"_self\">Ver Sentencia Completa...<\/a><\/div><\/div><\/div><\/div>\n<div class=\"col-md-12 col-sm-12 col-xs-12 pt-cv-content-item pt-cv-1-col\" ><div class='pt-cv-ifield'><a href=\"https:\/\/www.dmsjuridica.com\/buscador_20179478954\/corteconstitucionalcronologico202454587\/t-570-92\/\" class=\"_self pt-cv-href-thumbnail pt-cv-thumb-default\" target=\"_self\" ><\/a>\n<div class=\"pt-cv-taxoterm above_title\"><a href='https:\/\/www.dmsjuridica.com\/buscador_20179478954\/corteconstitucionalcronologico202454587\/category\/buscar-en-toda-la-corte\/1992\/tutelas\/' title='Tutelas 1992' class='pt-cv-tax-tutelas'>Tutelas 1992<\/a><\/div>\n<h4 class=\"pt-cv-title\"><a href=\"https:\/\/www.dmsjuridica.com\/buscador_20179478954\/corteconstitucionalcronologico202454587\/t-570-92\/\" class=\"_self\" target=\"_self\" >T 570 92<\/a><\/h4>\n<div class=\"pt-cv-content\">T-570-92 Sentencia No. T-570\/92 ACCION DE TUTELA-Objeto\/ACCION DE TUTELA-Hecho superado La acci\u00f3n de tutela tiene por objeto la protecci\u00f3n cierta y efectiva de los derechos constitucionales fundamentales presuntamente amenazados o vulnerados, lo cual explica la necesidad del pronunciamiento del juez en sentido favorable o desfavorable, lo cual constituye la raz\u00f3n de ser de la solicitud que ante la autoridad judicial dirige la persona que se considera afectada. De tal forma que si la situaci\u00f3n de hecho por la cual la persona se queja ya ha sido superada en t\u00e9rminos tales que la aspiraci\u00f3n primordial en que consiste el derecho alegado ...<br \/><div class=\"pt-cv-rmwrap\"><a href=\"https:\/\/www.dmsjuridica.com\/buscador_20179478954\/corteconstitucionalcronologico202454587\/t-570-92\/\" class=\"_self pt-cv-readmore btn btn-success\" target=\"_self\">Ver Sentencia Completa...<\/a><\/div><\/div><\/div><\/div>\n<div class=\"col-md-12 col-sm-12 col-xs-12 pt-cv-content-item pt-cv-1-col\" ><div class='pt-cv-ifield'><a href=\"https:\/\/www.dmsjuridica.com\/buscador_20179478954\/corteconstitucionalcronologico202454587\/t-569-92\/\" class=\"_self pt-cv-href-thumbnail pt-cv-thumb-default\" target=\"_self\" ><\/a>\n<div class=\"pt-cv-taxoterm above_title\"><a href='https:\/\/www.dmsjuridica.com\/buscador_20179478954\/corteconstitucionalcronologico202454587\/category\/buscar-en-toda-la-corte\/1992\/tutelas\/' title='Tutelas 1992' class='pt-cv-tax-tutelas'>Tutelas 1992<\/a><\/div>\n<h4 class=\"pt-cv-title\"><a href=\"https:\/\/www.dmsjuridica.com\/buscador_20179478954\/corteconstitucionalcronologico202454587\/t-569-92\/\" class=\"_self\" target=\"_self\" >T 569 92<\/a><\/h4>\n<div class=\"pt-cv-content\">T-569-92 Sentencia No. T-569\/92 ACCION DE TUTELA-Naturaleza Dos de las caracter\u00edsticas esenciales de la acci\u00f3n de tutela en el ordenamiento jur\u00eddico colombiano son la subsidiariedad y la inmediatez: la primera por cuanto tan s\u00f3lo resulta procedente instaurar la acci\u00f3n en subsidio o a falta de instrumento constitucional o legal diferente, susceptible de ser alegado ante los jueces, esto es, cuando el afectado no disponga de otro medio judicial para su defensa, a no ser que busque evitar un perjuicio irremediable; la segunda, puesto que la acci\u00f3n de tutela ha sido instituida como remedio de aplicaci\u00f3n urgente que se hace preciso ...<br \/><div class=\"pt-cv-rmwrap\"><a href=\"https:\/\/www.dmsjuridica.com\/buscador_20179478954\/corteconstitucionalcronologico202454587\/t-569-92\/\" class=\"_self pt-cv-readmore btn btn-success\" target=\"_self\">Ver Sentencia Completa...<\/a><\/div><\/div><\/div><\/div>\n<div class=\"col-md-12 col-sm-12 col-xs-12 pt-cv-content-item pt-cv-1-col\" ><div class='pt-cv-ifield'><a href=\"https:\/\/www.dmsjuridica.com\/buscador_20179478954\/corteconstitucionalcronologico202454587\/t-568-92\/\" class=\"_self pt-cv-href-thumbnail pt-cv-thumb-default\" target=\"_self\" ><\/a>\n<div class=\"pt-cv-taxoterm above_title\"><a href='https:\/\/www.dmsjuridica.com\/buscador_20179478954\/corteconstitucionalcronologico202454587\/category\/buscar-en-toda-la-corte\/1992\/tutelas\/' title='Tutelas 1992' class='pt-cv-tax-tutelas'>Tutelas 1992<\/a><\/div>\n<h4 class=\"pt-cv-title\"><a href=\"https:\/\/www.dmsjuridica.com\/buscador_20179478954\/corteconstitucionalcronologico202454587\/t-568-92\/\" class=\"_self\" target=\"_self\" >T 568 92<\/a><\/h4>\n<div class=\"pt-cv-content\">T-568-92 Sentencia No. T-568\/92 ACCION DE TUTELA-Impugnaci\u00f3n La impugnaci\u00f3n de los fallos de tutela proferidos por los jueces o tribunales en primera instancia es un verdadero derecho del petente y de su contraparte, que constituye ocasi\u00f3n para que el superior verifique si en realidad se cumplen los presupuestos b\u00e1sicos de la acci\u00f3n y si han sido atendidos por el inferior los requerimientos a que est\u00e1 obligado por el precepto constitucional y por las normas legales que lo desarrollen. DERECHO AL TRABAJO-Licitud El trabajo, para merecer la protecci\u00f3n del Estado y para ampararse en el Derecho, uno de cuyos medios constitucionales ...<br \/><div class=\"pt-cv-rmwrap\"><a href=\"https:\/\/www.dmsjuridica.com\/buscador_20179478954\/corteconstitucionalcronologico202454587\/t-568-92\/\" class=\"_self pt-cv-readmore btn btn-success\" target=\"_self\">Ver Sentencia Completa...<\/a><\/div><\/div><\/div><\/div>\n<div class=\"col-md-12 col-sm-12 col-xs-12 pt-cv-content-item pt-cv-1-col\" ><div class='pt-cv-ifield'><a href=\"https:\/\/www.dmsjuridica.com\/buscador_20179478954\/corteconstitucionalcronologico202454587\/t-567-92\/\" class=\"_self pt-cv-href-thumbnail pt-cv-thumb-default\" target=\"_self\" ><\/a>\n<div class=\"pt-cv-taxoterm above_title\"><a href='https:\/\/www.dmsjuridica.com\/buscador_20179478954\/corteconstitucionalcronologico202454587\/category\/buscar-en-toda-la-corte\/1992\/tutelas\/' title='Tutelas 1992' class='pt-cv-tax-tutelas'>Tutelas 1992<\/a><\/div>\n<h4 class=\"pt-cv-title\"><a href=\"https:\/\/www.dmsjuridica.com\/buscador_20179478954\/corteconstitucionalcronologico202454587\/t-567-92\/\" class=\"_self\" target=\"_self\" >T 567 92<\/a><\/h4>\n<div class=\"pt-cv-content\">T-567-92 Sentencia T-567\/92 PRINCIPIO DE EFECTIVIDAD DE LOS DERECHOS El ejercicio de la actividad p\u00fablica, en especial por cuanto concierne a la administraci\u00f3n, no puede cumplirse con desconocimiento del principio constitucional que impone la efectividad de los derechos de las personas, uno de los cuales es precisamente el de petici\u00f3n, ni de espaldas al car\u00e1cter pluralista de la organizaci\u00f3n pol\u00edtica colombiana, plasmado en el art\u00edculo 1\u00ba y desarrollado, en lo referente al caso de una decisi\u00f3n se trata, por los art\u00edculos 7\u00ba y 13 de la Constituci\u00f3n, el primero al reconocer y proteger la diversidad \u00e9tnica y cultural de la ...<br \/><div class=\"pt-cv-rmwrap\"><a href=\"https:\/\/www.dmsjuridica.com\/buscador_20179478954\/corteconstitucionalcronologico202454587\/t-567-92\/\" class=\"_self pt-cv-readmore btn btn-success\" target=\"_self\">Ver Sentencia Completa...<\/a><\/div><\/div><\/div><\/div>\n<div class=\"col-md-12 col-sm-12 col-xs-12 pt-cv-content-item pt-cv-1-col\" ><div class='pt-cv-ifield'><a href=\"https:\/\/www.dmsjuridica.com\/buscador_20179478954\/corteconstitucionalcronologico202454587\/t-566-92\/\" class=\"_self pt-cv-href-thumbnail pt-cv-thumb-default\" target=\"_self\" ><\/a>\n<div class=\"pt-cv-taxoterm above_title\"><a href='https:\/\/www.dmsjuridica.com\/buscador_20179478954\/corteconstitucionalcronologico202454587\/category\/buscar-en-toda-la-corte\/1992\/tutelas\/' title='Tutelas 1992' class='pt-cv-tax-tutelas'>Tutelas 1992<\/a><\/div>\n<h4 class=\"pt-cv-title\"><a href=\"https:\/\/www.dmsjuridica.com\/buscador_20179478954\/corteconstitucionalcronologico202454587\/t-566-92\/\" class=\"_self\" target=\"_self\" >T 566 92<\/a><\/h4>\n<div class=\"pt-cv-content\">T-566-92 Sentencia No. T-566\/92 ACCION DE TUTELA-Improcedencia\/BIENES DE USO PUBLICO-Playas La playa y la franja de bajamar son BIENES DE USO PUBLICO del Estado que no pueden ser objeto de adjudicaci\u00f3n por formar parte del espacio p\u00fablico. Dicha parte no es pues objeto de tutela sobre el \u00e1rea de bosque secundario. Si tanto el particular como la DIMAR se encuentran ocupando, aparentemente, el mismo sitio, y el \u00e1rea no est\u00e1 definida, \u00e9ste es un conflicto que debe ser resuelto por la Jurisdicci\u00f3n Contencioso Administrativo, de acuerdo con el art\u00edculo 83 del C\u00f3digo Contencioso Administrativa que establece la competencia de esa ...<br \/><div class=\"pt-cv-rmwrap\"><a href=\"https:\/\/www.dmsjuridica.com\/buscador_20179478954\/corteconstitucionalcronologico202454587\/t-566-92\/\" class=\"_self pt-cv-readmore btn btn-success\" target=\"_self\">Ver Sentencia Completa...<\/a><\/div><\/div><\/div><\/div>\n<div class=\"col-md-12 col-sm-12 col-xs-12 pt-cv-content-item pt-cv-1-col\" ><div class='pt-cv-ifield'><a href=\"https:\/\/www.dmsjuridica.com\/buscador_20179478954\/corteconstitucionalcronologico202454587\/t-565-92\/\" class=\"_self pt-cv-href-thumbnail pt-cv-thumb-default\" target=\"_self\" ><\/a>\n<div class=\"pt-cv-taxoterm above_title\"><a href='https:\/\/www.dmsjuridica.com\/buscador_20179478954\/corteconstitucionalcronologico202454587\/category\/buscar-en-toda-la-corte\/1992\/tutelas\/' title='Tutelas 1992' class='pt-cv-tax-tutelas'>Tutelas 1992<\/a><\/div>\n<h4 class=\"pt-cv-title\"><a href=\"https:\/\/www.dmsjuridica.com\/buscador_20179478954\/corteconstitucionalcronologico202454587\/t-565-92\/\" class=\"_self\" target=\"_self\" >T 565 92<\/a><\/h4>\n<div class=\"pt-cv-content\">T-565-92 Sentencia No. T-565\/92 REVISION FALLO DE TUTELA-Objeto Esta Corporaci\u00f3n no se ocupa del examen de las controversias de orden legal y contractual o de derechos litigiosos que aparecen planteadas por el peticionario; esta revisi\u00f3n, aun cuando se detiene en el examen del conjunto de los hechos del caso planteado, no aborda las precisas cuestiones propias de las cl\u00e1usulas contractuales, pues, se trata de verificar si existe o no violaci\u00f3n al derecho constitucional al Debido Proceso Administrativo, en lo que hace a las mencionadas actuaciones de una autoridad p\u00fablica y no a la resoluci\u00f3n judicial de aquellas controversias de contenido ...<br \/><div class=\"pt-cv-rmwrap\"><a href=\"https:\/\/www.dmsjuridica.com\/buscador_20179478954\/corteconstitucionalcronologico202454587\/t-565-92\/\" class=\"_self pt-cv-readmore btn btn-success\" target=\"_self\">Ver Sentencia Completa...<\/a><\/div><\/div><\/div><\/div>\n<div class=\"col-md-12 col-sm-12 col-xs-12 pt-cv-content-item pt-cv-1-col\" ><div class='pt-cv-ifield'><a href=\"https:\/\/www.dmsjuridica.com\/buscador_20179478954\/corteconstitucionalcronologico202454587\/t-555-92\/\" class=\"_self pt-cv-href-thumbnail pt-cv-thumb-default\" target=\"_self\" ><\/a>\n<div class=\"pt-cv-taxoterm above_title\"><a href='https:\/\/www.dmsjuridica.com\/buscador_20179478954\/corteconstitucionalcronologico202454587\/category\/buscar-en-toda-la-corte\/1992\/tutelas\/' title='Tutelas 1992' class='pt-cv-tax-tutelas'>Tutelas 1992<\/a><\/div>\n<h4 class=\"pt-cv-title\"><a href=\"https:\/\/www.dmsjuridica.com\/buscador_20179478954\/corteconstitucionalcronologico202454587\/t-555-92\/\" class=\"_self\" target=\"_self\" >T 555 92<\/a><\/h4>\n<div class=\"pt-cv-content\">T-555-92 Sentencia No. T-555\/92 ACCION DE TUTELA-Titularidad\/PERSONA JURIDICA\/REPRESENTACION LEGAL ACCION DE TUTELA CONTRA SENTENCIAS-Improcedencia Cuando se ha tenido al alcance un medio judicial ordinario y, cuando ese medio se ha agotado y se ha adelantado un proceso, no puede pretenderse adicionar al tr\u00e1mite ya surtido una acci\u00f3n de tutela, pues al tenor del art\u00edculo 86 de la Constituci\u00f3n, dicho mecanismo es improcedente por la sola existencia de otra posibilidad judicial de protecci\u00f3n, a\u00fan sin que ella haya culminado en un pronunciamiento definitorio del derecho. REF: EXPEDIENTE N\u00ba T- 2437 Peticionario: Sociedad de Inversiones Guadalupe Ltda. Procedencia: Corte Suprema de -Justicia-Sala ...<br \/><div class=\"pt-cv-rmwrap\"><a href=\"https:\/\/www.dmsjuridica.com\/buscador_20179478954\/corteconstitucionalcronologico202454587\/t-555-92\/\" class=\"_self pt-cv-readmore btn btn-success\" target=\"_self\">Ver Sentencia Completa...<\/a><\/div><\/div><\/div><\/div>\n<div class=\"col-md-12 col-sm-12 col-xs-12 pt-cv-content-item pt-cv-1-col\" ><div class='pt-cv-ifield'><a href=\"https:\/\/www.dmsjuridica.com\/buscador_20179478954\/corteconstitucionalcronologico202454587\/t-554-92\/\" class=\"_self pt-cv-href-thumbnail pt-cv-thumb-default\" target=\"_self\" ><\/a>\n<div class=\"pt-cv-taxoterm above_title\"><a href='https:\/\/www.dmsjuridica.com\/buscador_20179478954\/corteconstitucionalcronologico202454587\/category\/buscar-en-toda-la-corte\/1992\/tutelas\/' title='Tutelas 1992' class='pt-cv-tax-tutelas'>Tutelas 1992<\/a><\/div>\n<h4 class=\"pt-cv-title\"><a href=\"https:\/\/www.dmsjuridica.com\/buscador_20179478954\/corteconstitucionalcronologico202454587\/t-554-92\/\" class=\"_self\" target=\"_self\" >T 554 92<\/a><\/h4>\n<div class=\"pt-cv-content\">T-554-92 Sentencia No. T-554\/92 SENTENCIA-Obligaci\u00f3n de hacer\/MEDIO DE DEFENSA JUDICIAL-Efectividad Cuando una sentencia condena a una persona jur\u00eddica p\u00fablica a realizar una conducta en desarrollo de sus competencias, si \u00e9sta se niega a cumplir no es factible jur\u00eddicamente autorizar la ejecuci\u00f3n del hecho por otra entidad a expensas de la primera, pues se arriesga con ello el principio de legalidad. En el proceso ejecutivo contra la administraci\u00f3n por obligaci\u00f3n de hacer s\u00f3lo existe la alternativa indemnizatoria cuando la entidad oficial no se allana a cumplir la sentencia. Si el cumplimiento de la obligaci\u00f3n es imposible jur\u00eddicamente, v.gr. por haber perdido ...<br \/><div class=\"pt-cv-rmwrap\"><a href=\"https:\/\/www.dmsjuridica.com\/buscador_20179478954\/corteconstitucionalcronologico202454587\/t-554-92\/\" class=\"_self pt-cv-readmore btn btn-success\" target=\"_self\">Ver Sentencia Completa...<\/a><\/div><\/div><\/div><\/div>\n<div class=\"col-md-12 col-sm-12 col-xs-12 pt-cv-content-item pt-cv-1-col\" ><div class='pt-cv-ifield'><a href=\"https:\/\/www.dmsjuridica.com\/buscador_20179478954\/corteconstitucionalcronologico202454587\/t-552-92\/\" class=\"_self pt-cv-href-thumbnail pt-cv-thumb-default\" target=\"_self\" ><\/a>\n<div class=\"pt-cv-taxoterm above_title\"><a href='https:\/\/www.dmsjuridica.com\/buscador_20179478954\/corteconstitucionalcronologico202454587\/category\/buscar-en-toda-la-corte\/1992\/tutelas\/' title='Tutelas 1992' class='pt-cv-tax-tutelas'>Tutelas 1992<\/a><\/div>\n<h4 class=\"pt-cv-title\"><a href=\"https:\/\/www.dmsjuridica.com\/buscador_20179478954\/corteconstitucionalcronologico202454587\/t-552-92\/\" class=\"_self\" target=\"_self\" >T 552 92<\/a><\/h4>\n<div class=\"pt-cv-content\">T-552-92 Sentencia No. T-552\/92 DEBIDO PROCESO ADMINISTRATIVO-Finalidad La Constituci\u00f3n Pol\u00edtica de 1991, a m\u00e1s de consagrar en forma expresa el derecho al debido proceso en las actuaciones judiciales, lo consagra para las actuaciones administrativas, con lo cual se produce una innovaci\u00f3n que eleva a la categor\u00eda de Derecho Fundamental, un derecho de los asociados que, tradicionalmente, ten\u00eda rango legal, y no hac\u00eda parte del concepto original propio del derecho al debido proceso. Debe entenderse por \"proceso\" administrativo un conjunto complejo de circunstancias de la administraci\u00f3n que le impone la ley para su ordenado funcionamiento, para la seguridad jur\u00eddica de los ...<br \/><div class=\"pt-cv-rmwrap\"><a href=\"https:\/\/www.dmsjuridica.com\/buscador_20179478954\/corteconstitucionalcronologico202454587\/t-552-92\/\" class=\"_self pt-cv-readmore btn btn-success\" target=\"_self\">Ver Sentencia Completa...<\/a><\/div><\/div><\/div><\/div>\n<div class=\"col-md-12 col-sm-12 col-xs-12 pt-cv-content-item pt-cv-1-col\" ><div class='pt-cv-ifield'><a href=\"https:\/\/www.dmsjuridica.com\/buscador_20179478954\/corteconstitucionalcronologico202454587\/t-551-92\/\" class=\"_self pt-cv-href-thumbnail pt-cv-thumb-default\" target=\"_self\" ><\/a>\n<div class=\"pt-cv-taxoterm above_title\"><a href='https:\/\/www.dmsjuridica.com\/buscador_20179478954\/corteconstitucionalcronologico202454587\/category\/buscar-en-toda-la-corte\/1992\/tutelas\/' title='Tutelas 1992' class='pt-cv-tax-tutelas'>Tutelas 1992<\/a><\/div>\n<h4 class=\"pt-cv-title\"><a href=\"https:\/\/www.dmsjuridica.com\/buscador_20179478954\/corteconstitucionalcronologico202454587\/t-551-92\/\" class=\"_self\" target=\"_self\" >T 551 92<\/a><\/h4>\n<div class=\"pt-cv-content\">T-551-92 Sentencia No. T-551\/92 ACCION DE TUTELA-Titularidad\/PERSONA JURIDICA La forma de protecci\u00f3n que a los derechos constitucionales fundamentales brinda el art\u00edculo 86 de la Carta Pol\u00edtica no comprende \u00fanicamente a las personas naturales, sino que se extiende a las personas jur\u00eddicas. REVOCACION DE ACTO ADMINISTRATIVO El predominio del inter\u00e9s general es consagrado por el precepto legal como motivaci\u00f3n imperativa ineludible para que el funcionario competente proceda a revocar el acto que ri\u00f1e con aqu\u00e9l, no ya sobre el supuesto de consideraciones de \u00edndole jur\u00eddica sino sobre la base de la oposici\u00f3n real entre la permanencia de dicho acto y las ...<br \/><div class=\"pt-cv-rmwrap\"><a href=\"https:\/\/www.dmsjuridica.com\/buscador_20179478954\/corteconstitucionalcronologico202454587\/t-551-92\/\" class=\"_self pt-cv-readmore btn btn-success\" target=\"_self\">Ver Sentencia Completa...<\/a><\/div><\/div><\/div><\/div>\n<div class=\"col-md-12 col-sm-12 col-xs-12 pt-cv-content-item pt-cv-1-col\" ><div class='pt-cv-ifield'><a href=\"https:\/\/www.dmsjuridica.com\/buscador_20179478954\/corteconstitucionalcronologico202454587\/t-550-92\/\" class=\"_self pt-cv-href-thumbnail pt-cv-thumb-default\" target=\"_self\" ><\/a>\n<div class=\"pt-cv-taxoterm above_title\"><a href='https:\/\/www.dmsjuridica.com\/buscador_20179478954\/corteconstitucionalcronologico202454587\/category\/buscar-en-toda-la-corte\/1992\/tutelas\/' title='Tutelas 1992' class='pt-cv-tax-tutelas'>Tutelas 1992<\/a><\/div>\n<h4 class=\"pt-cv-title\"><a href=\"https:\/\/www.dmsjuridica.com\/buscador_20179478954\/corteconstitucionalcronologico202454587\/t-550-92\/\" class=\"_self\" target=\"_self\" >T 550 92<\/a><\/h4>\n<div class=\"pt-cv-content\">T-550-92 Sentencia No. T-550\/92 DEMANDA DE TUTELA-Rechazo\/PRINCIPIO DE LA DOBLE INSTANCIA Hizo bien la Sala Penal de la Corte Suprema en rechazar la acci\u00f3n instaurada, para dar oportunidad al peticionario de acceder al medio de defensa en que consiste la impugnaci\u00f3n. Lo anterior no significa que el petente perdiera la posibilidad de ejercer la acci\u00f3n de tutela, ni que \u00e9sta se entendiera agotada, pues la negativa de tr\u00e1mite tiene lugar en defensa de las garant\u00edas procesales de la persona y por tanto de ella no podr\u00eda derivarse el perjuicio al derecho cuyo ejercicio se pretende asegurar. ACCION DE TUTELA-Desistimiento\/PREVALENCIA DEL ...<br \/><div class=\"pt-cv-rmwrap\"><a href=\"https:\/\/www.dmsjuridica.com\/buscador_20179478954\/corteconstitucionalcronologico202454587\/t-550-92\/\" class=\"_self pt-cv-readmore btn btn-success\" target=\"_self\">Ver Sentencia Completa...<\/a><\/div><\/div><\/div><\/div>\n<div class=\"col-md-12 col-sm-12 col-xs-12 pt-cv-content-item pt-cv-1-col\" ><div class='pt-cv-ifield'><a href=\"https:\/\/www.dmsjuridica.com\/buscador_20179478954\/corteconstitucionalcronologico202454587\/t-548-92\/\" class=\"_self pt-cv-href-thumbnail pt-cv-thumb-default\" target=\"_self\" ><\/a>\n<div class=\"pt-cv-taxoterm above_title\"><a href='https:\/\/www.dmsjuridica.com\/buscador_20179478954\/corteconstitucionalcronologico202454587\/category\/buscar-en-toda-la-corte\/1992\/tutelas\/' title='Tutelas 1992' class='pt-cv-tax-tutelas'>Tutelas 1992<\/a><\/div>\n<h4 class=\"pt-cv-title\"><a href=\"https:\/\/www.dmsjuridica.com\/buscador_20179478954\/corteconstitucionalcronologico202454587\/t-548-92\/\" class=\"_self\" target=\"_self\" >T 548 92<\/a><\/h4>\n<div class=\"pt-cv-content\">T-548-92 Sentencia T-548\/92 ACCION DE TUTELA-Informalidad Esta Corte estima pertinente reiterar cuanto ha dicho en diversos pronunciamientos acerca del car\u00e1cter informal de la tutela que en este caso la solicitud satisface los requisitos que dicho Decreto consagra. DERECHOS FUNDAMENTALES-Precisi\u00f3n\/DERECHO A LA SALUD Los derechos constitucionales fundamentales se determinan no s\u00f3lo por la menci\u00f3n expresa que de ellos haga la Constituci\u00f3n, sino tambi\u00e9n por su significaci\u00f3n misma para la realizaci\u00f3n de los valores y principios consagrados en ella y, adem\u00e1s, por la conexi\u00f3n que tengan con otros derechos fundamentales expresamente consagrados. En la Carta del 91 la salud de los colombianos ...<br \/><div class=\"pt-cv-rmwrap\"><a href=\"https:\/\/www.dmsjuridica.com\/buscador_20179478954\/corteconstitucionalcronologico202454587\/t-548-92\/\" class=\"_self pt-cv-readmore btn btn-success\" target=\"_self\">Ver Sentencia Completa...<\/a><\/div><\/div><\/div><\/div>\n<div class=\"col-md-12 col-sm-12 col-xs-12 pt-cv-content-item pt-cv-1-col\" ><div class='pt-cv-ifield'><a href=\"https:\/\/www.dmsjuridica.com\/buscador_20179478954\/corteconstitucionalcronologico202454587\/t-547-92\/\" class=\"_self pt-cv-href-thumbnail pt-cv-thumb-default\" target=\"_self\" ><\/a>\n<div class=\"pt-cv-taxoterm above_title\"><a href='https:\/\/www.dmsjuridica.com\/buscador_20179478954\/corteconstitucionalcronologico202454587\/category\/buscar-en-toda-la-corte\/1992\/tutelas\/' title='Tutelas 1992' class='pt-cv-tax-tutelas'>Tutelas 1992<\/a><\/div>\n<h4 class=\"pt-cv-title\"><a href=\"https:\/\/www.dmsjuridica.com\/buscador_20179478954\/corteconstitucionalcronologico202454587\/t-547-92\/\" class=\"_self\" target=\"_self\" >T 547 92<\/a><\/h4>\n<div class=\"pt-cv-content\">T-547-92 Sentencia No. T-547\/92 ACCION DE TUTELA CONTRA PARTICULARES CLUB SOCIAL-Socios En el numeral 4\u00ba del art. 42 del Decreto 2591 de 1991, se protegen los derechos fundamentales que pueden ser vulnerados o amenazados por una organizaci\u00f3n privada con la sola condici\u00f3n de la relaci\u00f3n de subordinaci\u00f3n o indefensi\u00f3n con tal organizaci\u00f3n, es decir no se condiciona al ejercicio de determinado derecho, sino que se hace referencia a una situaci\u00f3n concreta. El requisito de la \"subordinaci\u00f3n\" tampoco es procedente por cuanto la decisi\u00f3n de pertenecer a una determinada corporaci\u00f3n social o su desafiliaci\u00f3n es voluntaria y no existe subordinaci\u00f3n. El ...<br \/><div class=\"pt-cv-rmwrap\"><a href=\"https:\/\/www.dmsjuridica.com\/buscador_20179478954\/corteconstitucionalcronologico202454587\/t-547-92\/\" class=\"_self pt-cv-readmore btn btn-success\" target=\"_self\">Ver Sentencia Completa...<\/a><\/div><\/div><\/div><\/div>\n<div class=\"col-md-12 col-sm-12 col-xs-12 pt-cv-content-item pt-cv-1-col\" ><div class='pt-cv-ifield'><a href=\"https:\/\/www.dmsjuridica.com\/buscador_20179478954\/corteconstitucionalcronologico202454587\/t-542-92\/\" class=\"_self pt-cv-href-thumbnail pt-cv-thumb-default\" target=\"_self\" ><\/a>\n<div class=\"pt-cv-taxoterm above_title\"><a href='https:\/\/www.dmsjuridica.com\/buscador_20179478954\/corteconstitucionalcronologico202454587\/category\/buscar-en-toda-la-corte\/1992\/tutelas\/' title='Tutelas 1992' class='pt-cv-tax-tutelas'>Tutelas 1992<\/a><\/div>\n<h4 class=\"pt-cv-title\"><a href=\"https:\/\/www.dmsjuridica.com\/buscador_20179478954\/corteconstitucionalcronologico202454587\/t-542-92\/\" class=\"_self\" target=\"_self\" >T 542 92<\/a><\/h4>\n<div class=\"pt-cv-content\">T-542-92 CORTE CONSTITUCIONAL Relator\u00eda Sentencia No. T-542\/92 DERECHO AL LIBRE DESARROLLO DE LA PERSONALIDAD-Alcance\/DERECHO DE ASOCIACION El concepto de autonom\u00eda de la personalidad comprende toda decisi\u00f3n que incida en la evoluci\u00f3n de la persona en las etapas de la vida en las cuales tiene elementos de juicio suficientes para tomarla. Su finalidad es comprender aquellos aspectos de la autodeterminaci\u00f3n del individuo, no garantizados en forma especial por otros derechos, de tal manera que la persona goce de una protecci\u00f3n constitucional para tomar, sin intromisiones ni presiones, las decisiones que estime importantes en su propia vida. Es aqu\u00ed donde se manifiesta ...<br \/><div class=\"pt-cv-rmwrap\"><a href=\"https:\/\/www.dmsjuridica.com\/buscador_20179478954\/corteconstitucionalcronologico202454587\/t-542-92\/\" class=\"_self pt-cv-readmore btn btn-success\" target=\"_self\">Ver Sentencia Completa...<\/a><\/div><\/div><\/div><\/div>\n<div class=\"col-md-12 col-sm-12 col-xs-12 pt-cv-content-item pt-cv-1-col\" ><div class='pt-cv-ifield'><a href=\"https:\/\/www.dmsjuridica.com\/buscador_20179478954\/corteconstitucionalcronologico202454587\/t-540-92\/\" class=\"_self pt-cv-href-thumbnail pt-cv-thumb-default\" target=\"_self\" ><\/a>\n<div class=\"pt-cv-taxoterm above_title\"><a href='https:\/\/www.dmsjuridica.com\/buscador_20179478954\/corteconstitucionalcronologico202454587\/category\/buscar-en-toda-la-corte\/1992\/tutelas\/' title='Tutelas 1992' class='pt-cv-tax-tutelas'>Tutelas 1992<\/a><\/div>\n<h4 class=\"pt-cv-title\"><a href=\"https:\/\/www.dmsjuridica.com\/buscador_20179478954\/corteconstitucionalcronologico202454587\/t-540-92\/\" class=\"_self\" target=\"_self\" >T 540 92<\/a><\/h4>\n<div class=\"pt-cv-content\">T-540-92 Sentencia No. T-540\/92 DEBIDO PROCESO ADMINISTRATIVO-Alcance\/SERVICIOS PUBLICOS-Prestaci\u00f3n La vinculaci\u00f3n sugerida por los peticionarios entre el derecho al debido proceso administrativo y los derechos de participaci\u00f3n de los usuarios y consumidores en la toma de decisiones sobre la prestaci\u00f3n de servicios p\u00fablicos, no existe actualmente. Una vulneraci\u00f3n del debido proceso administrativo en esta materia s\u00f3lo ser\u00e1 posible cuando la ley, en el futuro, regule mecanismos imperativos que condicionen la adopci\u00f3n de medidas sobre la prestaci\u00f3n de servicios p\u00fablicos a la intervenci\u00f3n efectiva de la comunidad a trav\u00e9s de organizaciones de consumidores y usuarios. Mientras ello no suceda, los reclamos ciudadanos ...<br \/><div class=\"pt-cv-rmwrap\"><a href=\"https:\/\/www.dmsjuridica.com\/buscador_20179478954\/corteconstitucionalcronologico202454587\/t-540-92\/\" class=\"_self pt-cv-readmore btn btn-success\" target=\"_self\">Ver Sentencia Completa...<\/a><\/div><\/div><\/div><\/div>\n<div class=\"col-md-12 col-sm-12 col-xs-12 pt-cv-content-item pt-cv-1-col\" ><div class='pt-cv-ifield'><a href=\"https:\/\/www.dmsjuridica.com\/buscador_20179478954\/corteconstitucionalcronologico202454587\/t-539-92\/\" class=\"_self pt-cv-href-thumbnail pt-cv-thumb-default\" target=\"_self\" ><\/a>\n<div class=\"pt-cv-taxoterm above_title\"><a href='https:\/\/www.dmsjuridica.com\/buscador_20179478954\/corteconstitucionalcronologico202454587\/category\/buscar-en-toda-la-corte\/1992\/tutelas\/' title='Tutelas 1992' class='pt-cv-tax-tutelas'>Tutelas 1992<\/a><\/div>\n<h4 class=\"pt-cv-title\"><a href=\"https:\/\/www.dmsjuridica.com\/buscador_20179478954\/corteconstitucionalcronologico202454587\/t-539-92\/\" class=\"_self\" target=\"_self\" >T 539 92<\/a><\/h4>\n<div class=\"pt-cv-content\">T-539-92 Sentencia No. T-539\/92 DERECHO A LA EDUCACION La Educaci\u00f3n es un Derecho Fundamental, por lo que es inherente, inalienable, esencial a la persona humana, que realiza el valor y principio material de la igualdad consagrado en el Pre\u00e1mbulo de la Constituci\u00f3n Nacional y en los art\u00edculos 5o. y 13 de la misma Carta Pol\u00edtica. La educaci\u00f3n est\u00e1 reconocida en forma expresa en el art\u00edculo 44 cuando hace referencia a los Derechos Fundamentales de los ni\u00f1os, se\u00f1alando entre otros, el \"Derecho a La Educaci\u00f3n y a la Cultura\". El art\u00edculo 67 de la Carta Pol\u00edtica, no obstante encontrarse fuera del ...<br \/><div class=\"pt-cv-rmwrap\"><a href=\"https:\/\/www.dmsjuridica.com\/buscador_20179478954\/corteconstitucionalcronologico202454587\/t-539-92\/\" class=\"_self pt-cv-readmore btn btn-success\" target=\"_self\">Ver Sentencia Completa...<\/a><\/div><\/div><\/div><\/div>\n<div class=\"col-md-12 col-sm-12 col-xs-12 pt-cv-content-item pt-cv-1-col\" ><div class='pt-cv-ifield'><a href=\"https:\/\/www.dmsjuridica.com\/buscador_20179478954\/corteconstitucionalcronologico202454587\/t-538-92\/\" class=\"_self pt-cv-href-thumbnail pt-cv-thumb-default\" target=\"_self\" ><\/a>\n<div class=\"pt-cv-taxoterm above_title\"><a href='https:\/\/www.dmsjuridica.com\/buscador_20179478954\/corteconstitucionalcronologico202454587\/category\/buscar-en-toda-la-corte\/1992\/tutelas\/' title='Tutelas 1992' class='pt-cv-tax-tutelas'>Tutelas 1992<\/a><\/div>\n<h4 class=\"pt-cv-title\"><a href=\"https:\/\/www.dmsjuridica.com\/buscador_20179478954\/corteconstitucionalcronologico202454587\/t-538-92\/\" class=\"_self\" target=\"_self\" >T 538 92<\/a><\/h4>\n<div class=\"pt-cv-content\">T-538-92 Sentencia No. T-538\/92 DERECHO A LA INTIMIDAD PERSONAL Y FAMILIAR-Correspondencia Se concluye para el caso concreto que la ley, de acuerdo con el art\u00edculo 15 de la Carta, puede establecer los casos y la forma como se puede interceptar o registrar la correspondencia y dem\u00e1s formas de comunicaci\u00f3n privada, cual lo consagra, seg\u00fan se ha visto, el Decreto 1817 de 1964 o C\u00f3digo Penitenciario; mas para ello de todas maneras y seg\u00fan mandato perentorio de ese mismo texto constitucional habr\u00e1 de mediar siempre orden judicial, la cual se echa de menos en el evento sublite y por ello amerita ...<br \/><div class=\"pt-cv-rmwrap\"><a href=\"https:\/\/www.dmsjuridica.com\/buscador_20179478954\/corteconstitucionalcronologico202454587\/t-538-92\/\" class=\"_self pt-cv-readmore btn btn-success\" target=\"_self\">Ver Sentencia Completa...<\/a><\/div><\/div><\/div><\/div>\n<div class=\"col-md-12 col-sm-12 col-xs-12 pt-cv-content-item pt-cv-1-col\" ><div class='pt-cv-ifield'><a href=\"https:\/\/www.dmsjuridica.com\/buscador_20179478954\/corteconstitucionalcronologico202454587\/t-537-92\/\" class=\"_self pt-cv-href-thumbnail pt-cv-thumb-default\" target=\"_self\" ><\/a>\n<div class=\"pt-cv-taxoterm above_title\"><a href='https:\/\/www.dmsjuridica.com\/buscador_20179478954\/corteconstitucionalcronologico202454587\/category\/buscar-en-toda-la-corte\/1992\/tutelas\/' title='Tutelas 1992' class='pt-cv-tax-tutelas'>Tutelas 1992<\/a><\/div>\n<h4 class=\"pt-cv-title\"><a href=\"https:\/\/www.dmsjuridica.com\/buscador_20179478954\/corteconstitucionalcronologico202454587\/t-537-92\/\" class=\"_self\" target=\"_self\" >T 537 92<\/a><\/h4>\n<div class=\"pt-cv-content\">T-537-92 Sentencia No. T-537\/92 DERECHO PATRIMONIAL\/DERECHOS FUNDAMENTALES El patrimonio de las personas es un derecho fundamental constitucional porque a falta de \u00e9l, el hombre no podr\u00eda cumplir su cometido de ser social, ya que lo necesita para realizarse como tal y ha de contar con \u00e9l para atender por lo menos las exigencias econ\u00f3micas de supervivencia suya y de su n\u00facleo familiar. ACCION DE TUTELA TRANSITORIA Es requisito adem\u00e1s sine qua non para la procedencia de la acci\u00f3n de tutela que no exista otro medio judicial de defensa, es decir, actuaciones ante los jueces que permitan defender y amparar el ...<br \/><div class=\"pt-cv-rmwrap\"><a href=\"https:\/\/www.dmsjuridica.com\/buscador_20179478954\/corteconstitucionalcronologico202454587\/t-537-92\/\" class=\"_self pt-cv-readmore btn btn-success\" target=\"_self\">Ver Sentencia Completa...<\/a><\/div><\/div><\/div><\/div>\n<div class=\"col-md-12 col-sm-12 col-xs-12 pt-cv-content-item pt-cv-1-col\" ><div class='pt-cv-ifield'><a href=\"https:\/\/www.dmsjuridica.com\/buscador_20179478954\/corteconstitucionalcronologico202454587\/t-536-92\/\" class=\"_self pt-cv-href-thumbnail pt-cv-thumb-default\" target=\"_self\" ><\/a>\n<div class=\"pt-cv-taxoterm above_title\"><a href='https:\/\/www.dmsjuridica.com\/buscador_20179478954\/corteconstitucionalcronologico202454587\/category\/buscar-en-toda-la-corte\/1992\/tutelas\/' title='Tutelas 1992' class='pt-cv-tax-tutelas'>Tutelas 1992<\/a><\/div>\n<h4 class=\"pt-cv-title\"><a href=\"https:\/\/www.dmsjuridica.com\/buscador_20179478954\/corteconstitucionalcronologico202454587\/t-536-92\/\" class=\"_self\" target=\"_self\" >T 536 92<\/a><\/h4>\n<div class=\"pt-cv-content\">T-536-92 Sentencia No. T-536\/92 DERECHO AL AMBIENTE SANO El ambiente sano y ecol\u00f3gicamente equilibrado es un derecho Constitucional fundamental, pues su violaci\u00f3n atenta directamente contra la perpetuaci\u00f3n de la especie humana y, en consecuencia, con el derecho m\u00e1s fundamental del hombre: la vida. El derecho a la salud y a la vida son derechos fundamentales porque son esenciales al hombre, la salud se encuentra ligada al medio ambiente que le rodea y que dependiendo de las condiciones que \u00e9ste le ofrezca, le permitir\u00e1 desarrollarse econ\u00f3mica y socialmente a los pueblos, garantiz\u00e1ndoles su supervivencia.Existen unos l\u00edmites tolerables de contaminaci\u00f3n que al ...<br \/><div class=\"pt-cv-rmwrap\"><a href=\"https:\/\/www.dmsjuridica.com\/buscador_20179478954\/corteconstitucionalcronologico202454587\/t-536-92\/\" class=\"_self pt-cv-readmore btn btn-success\" target=\"_self\">Ver Sentencia Completa...<\/a><\/div><\/div><\/div><\/div>\n<div class=\"col-md-12 col-sm-12 col-xs-12 pt-cv-content-item pt-cv-1-col\" ><div class='pt-cv-ifield'><a href=\"https:\/\/www.dmsjuridica.com\/buscador_20179478954\/corteconstitucionalcronologico202454587\/t-535-92\/\" class=\"_self pt-cv-href-thumbnail pt-cv-thumb-default\" target=\"_self\" ><\/a>\n<div class=\"pt-cv-taxoterm above_title\"><a href='https:\/\/www.dmsjuridica.com\/buscador_20179478954\/corteconstitucionalcronologico202454587\/category\/buscar-en-toda-la-corte\/1992\/tutelas\/' title='Tutelas 1992' class='pt-cv-tax-tutelas'>Tutelas 1992<\/a><\/div>\n<h4 class=\"pt-cv-title\"><a href=\"https:\/\/www.dmsjuridica.com\/buscador_20179478954\/corteconstitucionalcronologico202454587\/t-535-92\/\" class=\"_self\" target=\"_self\" >T 535 92<\/a><\/h4>\n<div class=\"pt-cv-content\">T-535-92 Sentencia No. T-535\/92 ACCION DE TUTELA-Hecho Superado La acci\u00f3n de tutela tiene por objeto la protecci\u00f3n efectiva y cierta del derecho constitucional fundamental presuntamente violado o amenazado, lo cual explica la necesidad del pronunciamiento del juez en sentido positivo o negativo. Ello constituye a la vez el motivo por el cual la persona que se considera afectada se dirige ante la autoridad judicial, de modo que si la situaci\u00f3n de hecho de la cual esa persona se queja ya ha sido superada en t\u00e9rminos tales que la aspiraci\u00f3n primordial en que consiste el derecho alegado est\u00e1 siendo satisfecha, ha ...<br \/><div class=\"pt-cv-rmwrap\"><a href=\"https:\/\/www.dmsjuridica.com\/buscador_20179478954\/corteconstitucionalcronologico202454587\/t-535-92\/\" class=\"_self pt-cv-readmore btn btn-success\" target=\"_self\">Ver Sentencia Completa...<\/a><\/div><\/div><\/div><\/div>\n<div class=\"col-md-12 col-sm-12 col-xs-12 pt-cv-content-item pt-cv-1-col\" ><div class='pt-cv-ifield'><a href=\"https:\/\/www.dmsjuridica.com\/buscador_20179478954\/corteconstitucionalcronologico202454587\/t-534-92\/\" class=\"_self pt-cv-href-thumbnail pt-cv-thumb-default\" target=\"_self\" ><\/a>\n<div class=\"pt-cv-taxoterm above_title\"><a href='https:\/\/www.dmsjuridica.com\/buscador_20179478954\/corteconstitucionalcronologico202454587\/category\/buscar-en-toda-la-corte\/1992\/tutelas\/' title='Tutelas 1992' class='pt-cv-tax-tutelas'>Tutelas 1992<\/a><\/div>\n<h4 class=\"pt-cv-title\"><a href=\"https:\/\/www.dmsjuridica.com\/buscador_20179478954\/corteconstitucionalcronologico202454587\/t-534-92\/\" class=\"_self\" target=\"_self\" >T 534 92<\/a><\/h4>\n<div class=\"pt-cv-content\">T-534-92 Sentencia No. T-534\/92 PRINCIPIO DE LA BUENA FE\/SERVICIO MILITAR La aplicaci\u00f3n efectiva del principio de la buena fe, comporta un aspecto relevante dentro del actual marco nacional. En el caso sub-lite, el soldado obr\u00f3 dentro de los postulados del principio de la buena fe al momento de ingresar a prestar el servicio militar obligatorio y durante el tiempo en que estuvo en filas. La buena fe se le presume a los particulares en las actuaciones que ellos realicen ante las autoridades. DERECHO A LA SEGURIDAD SOCIAL\/DERECHO A LA SALUD-Soldados La seguridad social y la salud son derechos fundamentales y ...<br \/><div class=\"pt-cv-rmwrap\"><a href=\"https:\/\/www.dmsjuridica.com\/buscador_20179478954\/corteconstitucionalcronologico202454587\/t-534-92\/\" class=\"_self pt-cv-readmore btn btn-success\" target=\"_self\">Ver Sentencia Completa...<\/a><\/div><\/div><\/div><\/div>\n<div class=\"col-md-12 col-sm-12 col-xs-12 pt-cv-content-item pt-cv-1-col\" ><div class='pt-cv-ifield'><a href=\"https:\/\/www.dmsjuridica.com\/buscador_20179478954\/corteconstitucionalcronologico202454587\/t-533-92\/\" class=\"_self pt-cv-href-thumbnail pt-cv-thumb-default\" target=\"_self\" ><\/a>\n<div class=\"pt-cv-taxoterm above_title\"><a href='https:\/\/www.dmsjuridica.com\/buscador_20179478954\/corteconstitucionalcronologico202454587\/category\/buscar-en-toda-la-corte\/1992\/tutelas\/' title='Tutelas 1992' class='pt-cv-tax-tutelas'>Tutelas 1992<\/a><\/div>\n<h4 class=\"pt-cv-title\"><a href=\"https:\/\/www.dmsjuridica.com\/buscador_20179478954\/corteconstitucionalcronologico202454587\/t-533-92\/\" class=\"_self\" target=\"_self\" >T 533 92<\/a><\/h4>\n<div class=\"pt-cv-content\">T-533-92 Sentencia No. T-533\/92 DERECHOS DEL INDIGENTE-Protecci\u00f3n La Constituci\u00f3n consagra diversos mecanismos tendientes a garantizar a las personas en situaci\u00f3n de indigencia los servicios p\u00fablicos b\u00e1sicos de salud, seguridad social integral y el subsidio alimentario. En principio, el legislador es la autoridad p\u00fablica llamada a determinar la forma y la cobertura de su prestaci\u00f3n. En casos excepcionales, no obstante, puede haber lugar a la aplicaci\u00f3n inmediata de la protecci\u00f3n especial a la persona, en particular cuando la marginalidad social y econ\u00f3mica la coloca en circunstancias de debilidad manifiesta. Acreditado el car\u00e1cter de indigente absoluto, cabe reconocer en cabeza del sujeto ...<br \/><div class=\"pt-cv-rmwrap\"><a href=\"https:\/\/www.dmsjuridica.com\/buscador_20179478954\/corteconstitucionalcronologico202454587\/t-533-92\/\" class=\"_self pt-cv-readmore btn btn-success\" target=\"_self\">Ver Sentencia Completa...<\/a><\/div><\/div><\/div><\/div>\n<div class=\"col-md-12 col-sm-12 col-xs-12 pt-cv-content-item pt-cv-1-col\" ><div class='pt-cv-ifield'><a href=\"https:\/\/www.dmsjuridica.com\/buscador_20179478954\/corteconstitucionalcronologico202454587\/t-532-92\/\" class=\"_self pt-cv-href-thumbnail pt-cv-thumb-default\" target=\"_self\" ><\/a>\n<div class=\"pt-cv-taxoterm above_title\"><a href='https:\/\/www.dmsjuridica.com\/buscador_20179478954\/corteconstitucionalcronologico202454587\/category\/buscar-en-toda-la-corte\/1992\/tutelas\/' title='Tutelas 1992' class='pt-cv-tax-tutelas'>Tutelas 1992<\/a><\/div>\n<h4 class=\"pt-cv-title\"><a href=\"https:\/\/www.dmsjuridica.com\/buscador_20179478954\/corteconstitucionalcronologico202454587\/t-532-92\/\" class=\"_self\" target=\"_self\" >T 532 92<\/a><\/h4>\n<div class=\"pt-cv-content\">T-532-92 Sentencia No. T-532\/92 DERECHOS FUNDAMENTALES-Determinaci\u00f3n El \"criterio a r\u00fabrica\" no es decisivo ni el \u00fanico para establecer cuando se est\u00e1 en presencia de un derecho fundamental, debiendo los jueces de tutela aplicar diversos criterios para garantizar una protecci\u00f3n efectiva a los derechos fundamentales del solicitante. JUEZ DE TUTELA-Facultades En el memorial presentado al Tribunal de segunda instancia de tutela, el representante y agente oficioso de los peticionarios invoc\u00f3 la posible vulneraci\u00f3n del art\u00edculo 27 de la Constituci\u00f3n que consagra las libertades de ense\u00f1anza, aprendizaje, investigaci\u00f3n y c\u00e1tedra. No obstante, su petici\u00f3n fue rechazada por ser violatoria de la igualdad ...<br \/><div class=\"pt-cv-rmwrap\"><a href=\"https:\/\/www.dmsjuridica.com\/buscador_20179478954\/corteconstitucionalcronologico202454587\/t-532-92\/\" class=\"_self pt-cv-readmore btn btn-success\" target=\"_self\">Ver Sentencia Completa...<\/a><\/div><\/div><\/div><\/div>\n<div class=\"col-md-12 col-sm-12 col-xs-12 pt-cv-content-item pt-cv-1-col\" ><div class='pt-cv-ifield'><a href=\"https:\/\/www.dmsjuridica.com\/buscador_20179478954\/corteconstitucionalcronologico202454587\/t-531-92\/\" class=\"_self pt-cv-href-thumbnail pt-cv-thumb-default\" target=\"_self\" ><\/a>\n<div class=\"pt-cv-taxoterm above_title\"><a href='https:\/\/www.dmsjuridica.com\/buscador_20179478954\/corteconstitucionalcronologico202454587\/category\/buscar-en-toda-la-corte\/1992\/tutelas\/' title='Tutelas 1992' class='pt-cv-tax-tutelas'>Tutelas 1992<\/a><\/div>\n<h4 class=\"pt-cv-title\"><a href=\"https:\/\/www.dmsjuridica.com\/buscador_20179478954\/corteconstitucionalcronologico202454587\/t-531-92\/\" class=\"_self\" target=\"_self\" >T 531 92<\/a><\/h4>\n<div class=\"pt-cv-content\">T-531-92 Sentencia No. T-531\/92 PRINCIPIO DE CELERIDAD PROCESAL\/JUEZ DE FAMILIA-Facultades El car\u00e1cter de orden p\u00fablico de las normas sobre menores y la interpretaci\u00f3n de las mismas, obligan al juez de familia a impulsar oficiosamente el proceso, no limit\u00e1ndose a decretar las pruebas solicitadas en su oportunidad por las partes sino todas aquellas que conduzcan al esclarecimiento de las circunstancias de posible abandono o peligro del menor. De otra parte, la no valoraci\u00f3n por el juez de las pruebas en la sentencia puede configurar una causal de inconstitucionalidad por carencia de motivaci\u00f3n de la decisi\u00f3n judicial. En los procesos de privaci\u00f3n, ...<br \/><div class=\"pt-cv-rmwrap\"><a href=\"https:\/\/www.dmsjuridica.com\/buscador_20179478954\/corteconstitucionalcronologico202454587\/t-531-92\/\" class=\"_self pt-cv-readmore btn btn-success\" target=\"_self\">Ver Sentencia Completa...<\/a><\/div><\/div><\/div><\/div>\n<div class=\"col-md-12 col-sm-12 col-xs-12 pt-cv-content-item pt-cv-1-col\" ><div class='pt-cv-ifield'><a href=\"https:\/\/www.dmsjuridica.com\/buscador_20179478954\/corteconstitucionalcronologico202454587\/t-530-92\/\" class=\"_self pt-cv-href-thumbnail pt-cv-thumb-default\" target=\"_self\" ><\/a>\n<div class=\"pt-cv-taxoterm above_title\"><a href='https:\/\/www.dmsjuridica.com\/buscador_20179478954\/corteconstitucionalcronologico202454587\/category\/buscar-en-toda-la-corte\/1992\/tutelas\/' title='Tutelas 1992' class='pt-cv-tax-tutelas'>Tutelas 1992<\/a><\/div>\n<h4 class=\"pt-cv-title\"><a href=\"https:\/\/www.dmsjuridica.com\/buscador_20179478954\/corteconstitucionalcronologico202454587\/t-530-92\/\" class=\"_self\" target=\"_self\" >T 530 92<\/a><\/h4>\n<div class=\"pt-cv-content\">T-530-92 Sentencia No. T-530\/92 DERECHO DE PARTICIPACION CIUDADANA-Planeaci\u00f3n Urbana La autoridad no debe limitarse a aplicar criterios t\u00e9cnicos en la construcci\u00f3n de obras, sin tener en cuenta la totalidad de beneficios y cargas que de ellas se derivan para las personas directamente afectadas por las soluciones urban\u00edsticas. Los derechos pol\u00edticos reconocidos constitucionalmente incorporan un derecho de participaci\u00f3n de los ciudadanos en la construcci\u00f3n y orden de la ciudad, cada vez que ello sea posible y lo permitan la naturaleza y envergadura de las obras y proyectos p\u00fablicos. La administraci\u00f3n no puede ser ciega a las circunstancias individuales o comunales, ni ...<br \/><div class=\"pt-cv-rmwrap\"><a href=\"https:\/\/www.dmsjuridica.com\/buscador_20179478954\/corteconstitucionalcronologico202454587\/t-530-92\/\" class=\"_self pt-cv-readmore btn btn-success\" target=\"_self\">Ver Sentencia Completa...<\/a><\/div><\/div><\/div><\/div>\n<div class=\"col-md-12 col-sm-12 col-xs-12 pt-cv-content-item pt-cv-1-col\" ><div class='pt-cv-ifield'><a href=\"https:\/\/www.dmsjuridica.com\/buscador_20179478954\/corteconstitucionalcronologico202454587\/t-529-92\/\" class=\"_self pt-cv-href-thumbnail pt-cv-thumb-default\" target=\"_self\" ><\/a>\n<div class=\"pt-cv-taxoterm above_title\"><a href='https:\/\/www.dmsjuridica.com\/buscador_20179478954\/corteconstitucionalcronologico202454587\/category\/buscar-en-toda-la-corte\/1992\/tutelas\/' title='Tutelas 1992' class='pt-cv-tax-tutelas'>Tutelas 1992<\/a><\/div>\n<h4 class=\"pt-cv-title\"><a href=\"https:\/\/www.dmsjuridica.com\/buscador_20179478954\/corteconstitucionalcronologico202454587\/t-529-92\/\" class=\"_self\" target=\"_self\" >T 529 92<\/a><\/h4>\n<div class=\"pt-cv-content\">T-529-92 Sentencia No. T-529\/92 DERECHO A LA VIDA\/DERECHO A LA INTEGRIDAD PERSONAL-C\u00f3nyuges El respeto a la vida y a la integridad f\u00edsica de los dem\u00e1s, en un sentido moral y jur\u00eddicamente extenso que no se reduce s\u00f3lo a la prevenci\u00f3n policiva o a la represi\u00f3n penal del agresor, comporta el deber de no maltratar, ni ofender, ni torturar, ni amenazar a las personas, mucho menos a aquella con quien se comparten la uni\u00f3n dom\u00e9stica de procreaci\u00f3n y desarrollo de los hijos y de la familia, y la promesa de mutuo fomento material y espiritual. ACCION DE TUTELA-Objeto La finalidad prevalente ...<br \/><div class=\"pt-cv-rmwrap\"><a href=\"https:\/\/www.dmsjuridica.com\/buscador_20179478954\/corteconstitucionalcronologico202454587\/t-529-92\/\" class=\"_self pt-cv-readmore btn btn-success\" target=\"_self\">Ver Sentencia Completa...<\/a><\/div><\/div><\/div><\/div>\n<div class=\"col-md-12 col-sm-12 col-xs-12 pt-cv-content-item pt-cv-1-col\" ><div class='pt-cv-ifield'><a href=\"https:\/\/www.dmsjuridica.com\/buscador_20179478954\/corteconstitucionalcronologico202454587\/t-528-92\/\" class=\"_self pt-cv-href-thumbnail pt-cv-thumb-default\" target=\"_self\" ><\/a>\n<div class=\"pt-cv-taxoterm above_title\"><a href='https:\/\/www.dmsjuridica.com\/buscador_20179478954\/corteconstitucionalcronologico202454587\/category\/buscar-en-toda-la-corte\/1992\/tutelas\/' title='Tutelas 1992' class='pt-cv-tax-tutelas'>Tutelas 1992<\/a><\/div>\n<h4 class=\"pt-cv-title\"><a href=\"https:\/\/www.dmsjuridica.com\/buscador_20179478954\/corteconstitucionalcronologico202454587\/t-528-92\/\" class=\"_self\" target=\"_self\" >T 528 92<\/a><\/h4>\n<div class=\"pt-cv-content\">T-528-92 CORTE CONSTITUCIONAL Relator\u00eda Sentencia No. T-528\/92 ACCION POPULAR La Acci\u00f3n Popular consagrada en el art\u00edculo 1005 del C.C., puede ahora, con sobradas y expl\u00edcitas razones constitucionales, ser interpretada y desarrollada por los jueces en los casos concretos de controversia sobre los bienes y derechos p\u00fablicos y colectivos para asegurar su amparo judicial espec\u00edfico y concreto, inclusive sobre el Ambiente. DERECHO AL AMBIENTE SANO\/DERECHOS COLECTIVOS\/ACCION DE TUTELA\/DERECHOS FUNDAMENTALES-Vulneraci\u00f3n \/DERECHO A LA VIDA-Protecci\u00f3n La Carta de 1991 consagra el \"Derecho al Goce de un Ambiente Sano\", no como un derecho constitucional fundamental, sino como un derecho y un inter\u00e9s constitucional de ...<br \/><div class=\"pt-cv-rmwrap\"><a href=\"https:\/\/www.dmsjuridica.com\/buscador_20179478954\/corteconstitucionalcronologico202454587\/t-528-92\/\" class=\"_self pt-cv-readmore btn btn-success\" target=\"_self\">Ver Sentencia Completa...<\/a><\/div><\/div><\/div><\/div>\n<div class=\"col-md-12 col-sm-12 col-xs-12 pt-cv-content-item pt-cv-1-col\" ><div class='pt-cv-ifield'><a href=\"https:\/\/www.dmsjuridica.com\/buscador_20179478954\/corteconstitucionalcronologico202454587\/t-527-92\/\" class=\"_self pt-cv-href-thumbnail pt-cv-thumb-default\" target=\"_self\" ><\/a>\n<div class=\"pt-cv-taxoterm above_title\"><a href='https:\/\/www.dmsjuridica.com\/buscador_20179478954\/corteconstitucionalcronologico202454587\/category\/buscar-en-toda-la-corte\/1992\/tutelas\/' title='Tutelas 1992' class='pt-cv-tax-tutelas'>Tutelas 1992<\/a><\/div>\n<h4 class=\"pt-cv-title\"><a href=\"https:\/\/www.dmsjuridica.com\/buscador_20179478954\/corteconstitucionalcronologico202454587\/t-527-92\/\" class=\"_self\" target=\"_self\" >T 527 92<\/a><\/h4>\n<div class=\"pt-cv-content\">T-527-92 Sentencia No. T-527\/92 ACCION DE TUTELA-Naturaleza\/ DERECHOS DE LA MUJER EMBARAZADA La Acci\u00f3n de Tutela como mecanismo protector de los Derechos Constitucionales Fundamentales tiene un evidente car\u00e1cter subsidiario y residual, como que no procede cuando el afectado disponga de otro medio de defensa judicial, salvo que se utilice como mecanismo transitorio para evitar un perjuicio irremediable. El car\u00e1cter program\u00e1tico de la \"especial asistencia y protecci\u00f3n\" que el Estado debe brindar durante el embarazo y despu\u00e9s del parto; as\u00ed como la ubicaci\u00f3n de la norma contentiva de este predicado (Art. 43) dentro del Cap\u00edtulo 2 del T\u00edtulo II referente a ...<br \/><div class=\"pt-cv-rmwrap\"><a href=\"https:\/\/www.dmsjuridica.com\/buscador_20179478954\/corteconstitucionalcronologico202454587\/t-527-92\/\" class=\"_self pt-cv-readmore btn btn-success\" target=\"_self\">Ver Sentencia Completa...<\/a><\/div><\/div><\/div><\/div>\n<div class=\"col-md-12 col-sm-12 col-xs-12 pt-cv-content-item pt-cv-1-col\" ><div class='pt-cv-ifield'><a href=\"https:\/\/www.dmsjuridica.com\/buscador_20179478954\/corteconstitucionalcronologico202454587\/t-526-92\/\" class=\"_self pt-cv-href-thumbnail pt-cv-thumb-default\" target=\"_self\" ><\/a>\n<div class=\"pt-cv-taxoterm above_title\"><a href='https:\/\/www.dmsjuridica.com\/buscador_20179478954\/corteconstitucionalcronologico202454587\/category\/buscar-en-toda-la-corte\/1992\/tutelas\/' title='Tutelas 1992' class='pt-cv-tax-tutelas'>Tutelas 1992<\/a><\/div>\n<h4 class=\"pt-cv-title\"><a href=\"https:\/\/www.dmsjuridica.com\/buscador_20179478954\/corteconstitucionalcronologico202454587\/t-526-92\/\" class=\"_self\" target=\"_self\" >T 526 92<\/a><\/h4>\n<div class=\"pt-cv-content\">T-526-92 Sentencia No. T-526\/92 PRINCIPIO DE LA BUENA FE-Reconocimiento de pensi\u00f3n La buena f\u00e9 de la peticionaria al solicitar su pensi\u00f3n de jubilaci\u00f3n, convencida de que el reconocimiento de su derecho era suficiente para la efectividad del mismo, se vio asaltada por problemas de \u00edndole presupuestal que impidieron el pago de su pensi\u00f3n. Es indispensable que el Estado respalde la confianza de ciudadanos en el derecho y en las instituciones. El caso de la peticionaria, muestra claramente la importancia que tiene la efectividad del derecho en la b\u00fasqueda del prop\u00f3sito general de la legitimidad del poder y del derecho, una ...<br \/><div class=\"pt-cv-rmwrap\"><a href=\"https:\/\/www.dmsjuridica.com\/buscador_20179478954\/corteconstitucionalcronologico202454587\/t-526-92\/\" class=\"_self pt-cv-readmore btn btn-success\" target=\"_self\">Ver Sentencia Completa...<\/a><\/div><\/div><\/div><\/div>\n<div class=\"col-md-12 col-sm-12 col-xs-12 pt-cv-content-item pt-cv-1-col\" ><div class='pt-cv-ifield'><a href=\"https:\/\/www.dmsjuridica.com\/buscador_20179478954\/corteconstitucionalcronologico202454587\/t-525-92\/\" class=\"_self pt-cv-href-thumbnail pt-cv-thumb-default\" target=\"_self\" ><\/a>\n<div class=\"pt-cv-taxoterm above_title\"><a href='https:\/\/www.dmsjuridica.com\/buscador_20179478954\/corteconstitucionalcronologico202454587\/category\/buscar-en-toda-la-corte\/1992\/tutelas\/' title='Tutelas 1992' class='pt-cv-tax-tutelas'>Tutelas 1992<\/a><\/div>\n<h4 class=\"pt-cv-title\"><a href=\"https:\/\/www.dmsjuridica.com\/buscador_20179478954\/corteconstitucionalcronologico202454587\/t-525-92\/\" class=\"_self\" target=\"_self\" >T 525 92<\/a><\/h4>\n<div class=\"pt-cv-content\">T-525-92 Sentencia T-525\/92 DERECHOS FUNDAMENTALES-Interpretaci\u00f3n\/REVISION FALLO DE TUTELA-Alcance Mientras el tema de los derechos fundamentales no sea interpretado bajo una perspectiva constitucional, la acci\u00f3n de tutela se reducir\u00e1 a un mecanismo adicional e insuficiente de protecci\u00f3n y dejar\u00e1 de cumplir por lo menos uno de sus prop\u00f3sitos esenciales: el de constitucionalizar todo el ordenamiento jur\u00eddico colombiano y, de esta manera, hacer efectiva la protecci\u00f3n de los derechos fundamentales de las personas. Es necesario que los jueces y tribunales tomen conciencia de que cuando se plantea la violaci\u00f3n de un derecho fundamental por medio de un acci\u00f3n de tutela, el par\u00e1metro ...<br \/><div class=\"pt-cv-rmwrap\"><a href=\"https:\/\/www.dmsjuridica.com\/buscador_20179478954\/corteconstitucionalcronologico202454587\/t-525-92\/\" class=\"_self pt-cv-readmore btn btn-success\" target=\"_self\">Ver Sentencia Completa...<\/a><\/div><\/div><\/div><\/div>\n<div class=\"col-md-12 col-sm-12 col-xs-12 pt-cv-content-item pt-cv-1-col\" ><div class='pt-cv-ifield'><a href=\"https:\/\/www.dmsjuridica.com\/buscador_20179478954\/corteconstitucionalcronologico202454587\/t-524-92\/\" class=\"_self pt-cv-href-thumbnail pt-cv-thumb-default\" target=\"_self\" ><\/a>\n<div class=\"pt-cv-taxoterm above_title\"><a href='https:\/\/www.dmsjuridica.com\/buscador_20179478954\/corteconstitucionalcronologico202454587\/category\/buscar-en-toda-la-corte\/1992\/tutelas\/' title='Tutelas 1992' class='pt-cv-tax-tutelas'>Tutelas 1992<\/a><\/div>\n<h4 class=\"pt-cv-title\"><a href=\"https:\/\/www.dmsjuridica.com\/buscador_20179478954\/corteconstitucionalcronologico202454587\/t-524-92\/\" class=\"_self\" target=\"_self\" >T 524 92<\/a><\/h4>\n<div class=\"pt-cv-content\">T-524-92 Sentencia No. T-524\/92 DERECHO A LA EDUCACION\/DERECHOS FUNDAMENTALES\/IGUALDAD ANTE LA LEY-Vulneraci\u00f3n Una cosa es la obligaci\u00f3n del Estado, la sociedad y la familia en el sentido de ofrecer al educando las condiciones indispensables para que acceda a su educaci\u00f3n en el nivel m\u00ednimo mientras llega a la edad en que pueda continuar prepar\u00e1ndose por su propia cuenta, y otra muy distinta el derecho que tiene toda persona a educarse o a perfeccionar su formaci\u00f3n acad\u00e9mica, independientemente de su edad. Este es un derecho fundamental de la persona, raz\u00f3n por la cual el ordenamiento jur\u00eddico no puede restringir las posibilidades ...<br \/><div class=\"pt-cv-rmwrap\"><a href=\"https:\/\/www.dmsjuridica.com\/buscador_20179478954\/corteconstitucionalcronologico202454587\/t-524-92\/\" class=\"_self pt-cv-readmore btn btn-success\" target=\"_self\">Ver Sentencia Completa...<\/a><\/div><\/div><\/div><\/div>\n<div class=\"col-md-12 col-sm-12 col-xs-12 pt-cv-content-item pt-cv-1-col\" ><div class='pt-cv-ifield'><a href=\"https:\/\/www.dmsjuridica.com\/buscador_20179478954\/corteconstitucionalcronologico202454587\/t-523-92\/\" class=\"_self pt-cv-href-thumbnail pt-cv-thumb-default\" target=\"_self\" ><\/a>\n<div class=\"pt-cv-taxoterm above_title\"><a href='https:\/\/www.dmsjuridica.com\/buscador_20179478954\/corteconstitucionalcronologico202454587\/category\/buscar-en-toda-la-corte\/1992\/tutelas\/' title='Tutelas 1992' class='pt-cv-tax-tutelas'>Tutelas 1992<\/a><\/div>\n<h4 class=\"pt-cv-title\"><a href=\"https:\/\/www.dmsjuridica.com\/buscador_20179478954\/corteconstitucionalcronologico202454587\/t-523-92\/\" class=\"_self\" target=\"_self\" >T 523 92<\/a><\/h4>\n<div class=\"pt-cv-content\">T-523-92 Sentencia No. T-523\/92 ACCION DE TUTELA-Informalidad\/REVISION FALLO DE TUTELA-Alcance La acci\u00f3n de tutela puede ser intentada por cualquier persona, con prescindencia de su edad, origen, raza, nivel econ\u00f3mico, social o profesional y, por supuesto, sin que para tramitarla y decidirla sean indispensables los requisitos formales ni las f\u00f3rmulas exactas y ni siquiera un escrito, por cuanto puede ser verbal. DERECHO A LA FAMILIA-Principio de Unidad Dentro de la concepci\u00f3n individualista, la unidad de familia aparece como el equilibrio entre la libertad de los c\u00f3nyuges y las exigencias concretas de dicha unidad, en funci\u00f3n de los intereses individuales de sus ...<br \/><div class=\"pt-cv-rmwrap\"><a href=\"https:\/\/www.dmsjuridica.com\/buscador_20179478954\/corteconstitucionalcronologico202454587\/t-523-92\/\" class=\"_self pt-cv-readmore btn btn-success\" target=\"_self\">Ver Sentencia Completa...<\/a><\/div><\/div><\/div><\/div>\n<div class=\"col-md-12 col-sm-12 col-xs-12 pt-cv-content-item pt-cv-1-col\" ><div class='pt-cv-ifield'><a href=\"https:\/\/www.dmsjuridica.com\/buscador_20179478954\/corteconstitucionalcronologico202454587\/t-522-92\/\" class=\"_self pt-cv-href-thumbnail pt-cv-thumb-default\" target=\"_self\" ><\/a>\n<div class=\"pt-cv-taxoterm above_title\"><a href='https:\/\/www.dmsjuridica.com\/buscador_20179478954\/corteconstitucionalcronologico202454587\/category\/buscar-en-toda-la-corte\/1992\/tutelas\/' title='Tutelas 1992' class='pt-cv-tax-tutelas'>Tutelas 1992<\/a><\/div>\n<h4 class=\"pt-cv-title\"><a href=\"https:\/\/www.dmsjuridica.com\/buscador_20179478954\/corteconstitucionalcronologico202454587\/t-522-92\/\" class=\"_self\" target=\"_self\" >T 522 92<\/a><\/h4>\n<div class=\"pt-cv-content\">T-522-92 Sentencia No. T-522\/92 DERECHOS DEL INTERNO\/DERECHO A LA SALUD-Reconocimiento Las personas privadas de la libertad gozan de todos los derechos inherentes a la dignidad humana en general, y en particular del derecho a la salud. La salud es aqu\u00ed obligaci\u00f3n del detenido y del Estado. Del detenido, en la medida en que debe velar por su integridad. Y del Estado, porque el detenido est\u00e1 bajo su protecci\u00f3n y responsabilidad, el cual tiene una obligaci\u00f3n de resultado: devolver a la persona en el estado f\u00edsico en que la recibi\u00f3, sin perjuicio del deterioro natural del transcurso del tiempo. Se debe ...<br \/><div class=\"pt-cv-rmwrap\"><a href=\"https:\/\/www.dmsjuridica.com\/buscador_20179478954\/corteconstitucionalcronologico202454587\/t-522-92\/\" class=\"_self pt-cv-readmore btn btn-success\" target=\"_self\">Ver Sentencia Completa...<\/a><\/div><\/div><\/div><\/div>\n<div class=\"col-md-12 col-sm-12 col-xs-12 pt-cv-content-item pt-cv-1-col\" ><div class='pt-cv-ifield'><a href=\"https:\/\/www.dmsjuridica.com\/buscador_20179478954\/corteconstitucionalcronologico202454587\/t-521-92\/\" class=\"_self pt-cv-href-thumbnail pt-cv-thumb-default\" target=\"_self\" ><\/a>\n<div class=\"pt-cv-taxoterm above_title\"><a href='https:\/\/www.dmsjuridica.com\/buscador_20179478954\/corteconstitucionalcronologico202454587\/category\/buscar-en-toda-la-corte\/1992\/tutelas\/' title='Tutelas 1992' class='pt-cv-tax-tutelas'>Tutelas 1992<\/a><\/div>\n<h4 class=\"pt-cv-title\"><a href=\"https:\/\/www.dmsjuridica.com\/buscador_20179478954\/corteconstitucionalcronologico202454587\/t-521-92\/\" class=\"_self\" target=\"_self\" >T 521 92<\/a><\/h4>\n<div class=\"pt-cv-content\">T-521-92 Sentencia No. T-521\/92 DEBIDO PROCESO ADMINISTRATIVO-Vulneraci\u00f3n\/INSTITUTO DE SEGUROS SOCIALES-Obligaciones\/SUSTITUCION PENSIONAL Toda actuaci\u00f3n administrativa deber\u00e1 ser el resultado de un proceso en el que la persona tuvo la oportunidad de expresar sus opiniones as\u00ed como de presentar las pruebas que demuestren su derecho, con plena observancia de las disposiciones procesales que lo regulen. No se trata de imponerle al Instituto de Seguros Sociales la obligaci\u00f3n de restablecer el servicio m\u00e9dico asistencial, cl\u00ednico y farmac\u00e9utico a la Se\u00f1ora porque se encuentra en peligro la vida del nasciturus sino porque no medi\u00f3 entre la decisi\u00f3n del Seguro Social y la retenci\u00f3n de ...<br \/><div class=\"pt-cv-rmwrap\"><a href=\"https:\/\/www.dmsjuridica.com\/buscador_20179478954\/corteconstitucionalcronologico202454587\/t-521-92\/\" class=\"_self pt-cv-readmore btn btn-success\" target=\"_self\">Ver Sentencia Completa...<\/a><\/div><\/div><\/div><\/div>\n<div class=\"col-md-12 col-sm-12 col-xs-12 pt-cv-content-item pt-cv-1-col\" ><div class='pt-cv-ifield'><a href=\"https:\/\/www.dmsjuridica.com\/buscador_20179478954\/corteconstitucionalcronologico202454587\/t-520-92\/\" class=\"_self pt-cv-href-thumbnail pt-cv-thumb-default\" target=\"_self\" ><\/a>\n<div class=\"pt-cv-taxoterm above_title\"><a href='https:\/\/www.dmsjuridica.com\/buscador_20179478954\/corteconstitucionalcronologico202454587\/category\/buscar-en-toda-la-corte\/1992\/tutelas\/' title='Tutelas 1992' class='pt-cv-tax-tutelas'>Tutelas 1992<\/a><\/div>\n<h4 class=\"pt-cv-title\"><a href=\"https:\/\/www.dmsjuridica.com\/buscador_20179478954\/corteconstitucionalcronologico202454587\/t-520-92\/\" class=\"_self\" target=\"_self\" >T 520 92<\/a><\/h4>\n<div class=\"pt-cv-content\">T-520-92 Sentencia No. T-520\/92 ACCION DE TUTELA-Improcedencia\/MEDIO DE DEFENSA JUDICIAL\/COSA JUZGADA MATERIAL-Proceso de Alimentos Quien ha propuesto la presente acci\u00f3n de tutela ten\u00eda ciertamente a su alcance otros medios judiciales para la defensa de su derecho: el recurso de apelaci\u00f3n contra la sentencia proferida por el Juez Noveno de Familia en el juicio de separaci\u00f3n y la posibilidad de iniciar un proceso de revisi\u00f3n de alimentos con el fin de obtener la reducci\u00f3n o exoneraci\u00f3n de los determinados en las dos sentencias hasta ahora proferidas. La \u00faltima v\u00eda enunciada tiene fundamento en que las decisiones judiciales de este tipo, por ...<br \/><div class=\"pt-cv-rmwrap\"><a href=\"https:\/\/www.dmsjuridica.com\/buscador_20179478954\/corteconstitucionalcronologico202454587\/t-520-92\/\" class=\"_self pt-cv-readmore btn btn-success\" target=\"_self\">Ver Sentencia Completa...<\/a><\/div><\/div><\/div><\/div>\n<div class=\"col-md-12 col-sm-12 col-xs-12 pt-cv-content-item pt-cv-1-col\" ><div class='pt-cv-ifield'><a href=\"https:\/\/www.dmsjuridica.com\/buscador_20179478954\/corteconstitucionalcronologico202454587\/t-519-92\/\" class=\"_self pt-cv-href-thumbnail pt-cv-thumb-default\" target=\"_self\" ><\/a>\n<div class=\"pt-cv-taxoterm above_title\"><a href='https:\/\/www.dmsjuridica.com\/buscador_20179478954\/corteconstitucionalcronologico202454587\/category\/buscar-en-toda-la-corte\/1992\/tutelas\/' title='Tutelas 1992' class='pt-cv-tax-tutelas'>Tutelas 1992<\/a><\/div>\n<h4 class=\"pt-cv-title\"><a href=\"https:\/\/www.dmsjuridica.com\/buscador_20179478954\/corteconstitucionalcronologico202454587\/t-519-92\/\" class=\"_self\" target=\"_self\" >T 519 92<\/a><\/h4>\n<div class=\"pt-cv-content\">T-519-92 Sentencia No. T-519\/92 DERECHO A LA EDUCACION-Faltas disciplinarias\/DERECHOS FUNDAMENTALES Tanto el derecho a educarse como la libertad de aprendizaje, ense\u00f1anza, investigaci\u00f3n y c\u00e1tedra son derechos fundamentales de los que no puede ser privado individuo alguno sin quebrantar los principios y mandatos constitucionales. Si bien la educaci\u00f3n es un derecho fundamental y el estudiante debe tener la posibilidad de permanecer vinculado al plantel hasta la culminaci\u00f3n de sus estudios, de all\u00ed no puede colegirse que el centro docente est\u00e9 obligado a mantener indefinidamente entre sus disc\u00edpulos a quien de manera constante y reiterada desconoce las directrices disciplinarias y quebranta el ...<br \/><div class=\"pt-cv-rmwrap\"><a href=\"https:\/\/www.dmsjuridica.com\/buscador_20179478954\/corteconstitucionalcronologico202454587\/t-519-92\/\" class=\"_self pt-cv-readmore btn btn-success\" target=\"_self\">Ver Sentencia Completa...<\/a><\/div><\/div><\/div><\/div>\n<div class=\"col-md-12 col-sm-12 col-xs-12 pt-cv-content-item pt-cv-1-col\" ><div class='pt-cv-ifield'><a href=\"https:\/\/www.dmsjuridica.com\/buscador_20179478954\/corteconstitucionalcronologico202454587\/t-518-92\/\" class=\"_self pt-cv-href-thumbnail pt-cv-thumb-default\" target=\"_self\" ><\/a>\n<div class=\"pt-cv-taxoterm above_title\"><a href='https:\/\/www.dmsjuridica.com\/buscador_20179478954\/corteconstitucionalcronologico202454587\/category\/buscar-en-toda-la-corte\/1992\/tutelas\/' title='Tutelas 1992' class='pt-cv-tax-tutelas'>Tutelas 1992<\/a><\/div>\n<h4 class=\"pt-cv-title\"><a href=\"https:\/\/www.dmsjuridica.com\/buscador_20179478954\/corteconstitucionalcronologico202454587\/t-518-92\/\" class=\"_self\" target=\"_self\" >T 518 92<\/a><\/h4>\n<div class=\"pt-cv-content\">T-518-92 Sentencia No. T-518\/92 ACCION DE TUTELA-Improcedencia\/MEDIO DE DEFENSA JUDICIAL Nos encontramos ante un acto administrativo que, por su naturaleza, es perfectamente demandable ante la jurisdicci\u00f3n correspondiente ya por razones de inconstitucionalidad, o por motivos de ilegalidad, si as\u00ed lo considera el afectado, mediante la acci\u00f3n de nulidad y restablecimiento del derecho. Existe, pues, otro medio de defensa judicial para hacer valer el derecho que se alega como conculcado. LIBERTAD DE LOCOMOCION\/DERECHOS FUNDAMENTALES-Interpretaci\u00f3n La libertad de locomoci\u00f3n es un derecho fundamental, si bien ese car\u00e1cter no lo deriva, de la ubicaci\u00f3n formal del citado art\u00edculo dentro del cap\u00edtulo de los ...<br \/><div class=\"pt-cv-rmwrap\"><a href=\"https:\/\/www.dmsjuridica.com\/buscador_20179478954\/corteconstitucionalcronologico202454587\/t-518-92\/\" class=\"_self pt-cv-readmore btn btn-success\" target=\"_self\">Ver Sentencia Completa...<\/a><\/div><\/div><\/div><\/div>\n<div class=\"col-md-12 col-sm-12 col-xs-12 pt-cv-content-item pt-cv-1-col\" ><div class='pt-cv-ifield'><a href=\"https:\/\/www.dmsjuridica.com\/buscador_20179478954\/corteconstitucionalcronologico202454587\/t-516-92\/\" class=\"_self pt-cv-href-thumbnail pt-cv-thumb-default\" target=\"_self\" ><\/a>\n<div class=\"pt-cv-taxoterm above_title\"><a href='https:\/\/www.dmsjuridica.com\/buscador_20179478954\/corteconstitucionalcronologico202454587\/category\/buscar-en-toda-la-corte\/1992\/tutelas\/' title='Tutelas 1992' class='pt-cv-tax-tutelas'>Tutelas 1992<\/a><\/div>\n<h4 class=\"pt-cv-title\"><a href=\"https:\/\/www.dmsjuridica.com\/buscador_20179478954\/corteconstitucionalcronologico202454587\/t-516-92\/\" class=\"_self\" target=\"_self\" >T 516 92<\/a><\/h4>\n<div class=\"pt-cv-content\">T-516-92 Sentencia No. T-516\/92 DEBIDO PROCESO-Contenido\/PRINCIPIO DE LEGALIDAD-Obligatoriedad El car\u00e1cter fundamental del derecho al debido proceso proviene de su estrecho v\u00ednculo con el principio de legalidad al que deben ajustarse no s\u00f3lo las autoridades judiciales sino tambi\u00e9n, en adelante, las administrativas, en la definici\u00f3n de los derechos de los individuos. Es pues una defensa de los procedimientos, en especial de la posibilidad de ser o\u00eddo y vencido en juicio, seg\u00fan la f\u00f3rmula cl\u00e1sica, o lo que es lo mismo, de la posibilidad de ejercer el derecho de defensa. El derecho al debido proceso comprende no solo la observancia de los ...<br \/><div class=\"pt-cv-rmwrap\"><a href=\"https:\/\/www.dmsjuridica.com\/buscador_20179478954\/corteconstitucionalcronologico202454587\/t-516-92\/\" class=\"_self pt-cv-readmore btn btn-success\" target=\"_self\">Ver Sentencia Completa...<\/a><\/div><\/div><\/div><\/div>\n<div class=\"col-md-12 col-sm-12 col-xs-12 pt-cv-content-item pt-cv-1-col\" ><div class='pt-cv-ifield'><a href=\"https:\/\/www.dmsjuridica.com\/buscador_20179478954\/corteconstitucionalcronologico202454587\/t-515-92\/\" class=\"_self pt-cv-href-thumbnail pt-cv-thumb-default\" target=\"_self\" ><\/a>\n<div class=\"pt-cv-taxoterm above_title\"><a href='https:\/\/www.dmsjuridica.com\/buscador_20179478954\/corteconstitucionalcronologico202454587\/category\/buscar-en-toda-la-corte\/1992\/tutelas\/' title='Tutelas 1992' class='pt-cv-tax-tutelas'>Tutelas 1992<\/a><\/div>\n<h4 class=\"pt-cv-title\"><a href=\"https:\/\/www.dmsjuridica.com\/buscador_20179478954\/corteconstitucionalcronologico202454587\/t-515-92\/\" class=\"_self\" target=\"_self\" >T 515 92<\/a><\/h4>\n<div class=\"pt-cv-content\">T-515-92 Sentencia No. T-515\/92 IMPEDIMENTO-Amistad A pesar del car\u00e1cter subjetivo que implica la amistad, su reconocimiento a efecto de considerar que pueda conturbar la mente neutral del fallador, requiere no solo de la manifestaci\u00f3n por parte de quien se considera impedido, sino adem\u00e1s de otra serie de hechos que as\u00ed lo demuestren. Tal v\u00ednculo afectivo debe ser de un grado tan importante que eventualmente pueda llevar al juzgador a perder su imparcialidad. Es decir, no todo v\u00ednculo personal ejerce influencia tan decisiva en el juez como para condicionar su fallo. Es precisamente esto lo que debe establecer en el caso ...<br \/><div class=\"pt-cv-rmwrap\"><a href=\"https:\/\/www.dmsjuridica.com\/buscador_20179478954\/corteconstitucionalcronologico202454587\/t-515-92\/\" class=\"_self pt-cv-readmore btn btn-success\" target=\"_self\">Ver Sentencia Completa...<\/a><\/div><\/div><\/div><\/div>\n<div class=\"col-md-12 col-sm-12 col-xs-12 pt-cv-content-item pt-cv-1-col\" ><div class='pt-cv-ifield'><a href=\"https:\/\/www.dmsjuridica.com\/buscador_20179478954\/corteconstitucionalcronologico202454587\/t-512-92\/\" class=\"_self pt-cv-href-thumbnail pt-cv-thumb-default\" target=\"_self\" ><\/a>\n<div class=\"pt-cv-taxoterm above_title\"><a href='https:\/\/www.dmsjuridica.com\/buscador_20179478954\/corteconstitucionalcronologico202454587\/category\/buscar-en-toda-la-corte\/1992\/tutelas\/' title='Tutelas 1992' class='pt-cv-tax-tutelas'>Tutelas 1992<\/a><\/div>\n<h4 class=\"pt-cv-title\"><a href=\"https:\/\/www.dmsjuridica.com\/buscador_20179478954\/corteconstitucionalcronologico202454587\/t-512-92\/\" class=\"_self\" target=\"_self\" >T 512 92<\/a><\/h4>\n<div class=\"pt-cv-content\">T-512-92 Sentencia No. T-512\/92 RECTIFICACION DE INFORMACION\/ACCION DE TUTELA-Improcedencia\/PRINCIPIO DE LA BUENA FE\/ACCION DE TUTELA TRANSITORIA Si lo que busca el peticionario es que un medio de comunicaci\u00f3n rectifique informaci\u00f3n inexacta o err\u00f3nea suministrada al p\u00fablico, est\u00e1 obligado a solicitarla previamente al medio y \u00fanicamente en el evento de no ser publicada por \u00e9ste en condiciones de equidad, podr\u00e1 acudirse al juez en demanda de tutela. As\u00ed se debe acreditar al presentar la demanda, junto con la transcripci\u00f3n o copia de la informaci\u00f3n o publicaci\u00f3n correspondiente. De lo contrario no procede la acci\u00f3n. Lo que se busca es dar oportunidad ...<br \/><div class=\"pt-cv-rmwrap\"><a href=\"https:\/\/www.dmsjuridica.com\/buscador_20179478954\/corteconstitucionalcronologico202454587\/t-512-92\/\" class=\"_self pt-cv-readmore btn btn-success\" target=\"_self\">Ver Sentencia Completa...<\/a><\/div><\/div><\/div><\/div>\n<div class=\"col-md-12 col-sm-12 col-xs-12 pt-cv-content-item pt-cv-1-col\" ><div class='pt-cv-ifield'><a href=\"https:\/\/www.dmsjuridica.com\/buscador_20179478954\/corteconstitucionalcronologico202454587\/t-509-92\/\" class=\"_self pt-cv-href-thumbnail pt-cv-thumb-default\" target=\"_self\" ><\/a>\n<div class=\"pt-cv-taxoterm above_title\"><a href='https:\/\/www.dmsjuridica.com\/buscador_20179478954\/corteconstitucionalcronologico202454587\/category\/buscar-en-toda-la-corte\/1992\/tutelas\/' title='Tutelas 1992' class='pt-cv-tax-tutelas'>Tutelas 1992<\/a><\/div>\n<h4 class=\"pt-cv-title\"><a href=\"https:\/\/www.dmsjuridica.com\/buscador_20179478954\/corteconstitucionalcronologico202454587\/t-509-92\/\" class=\"_self\" target=\"_self\" >T 509 92<\/a><\/h4>\n<div class=\"pt-cv-content\">T-509-92 18 Sentencia No. T-509\/92 ACCION DE TUTELA-Titularidad\/LEGITIMACION POR ACTIVA EN TUTELA\/ACCION DE TUTELA CONTRA PARTICULARES-Indefensi\u00f3n El padre de la menor tiene legitimaci\u00f3n activa para ejercer la acci\u00f3n de tutela en favor de su hija, dado que es el representante legal de la misma en compa\u00f1\u00eda de la madre, hasta que no se le prive en juicio de la patria potestad. Si bien la acci\u00f3n de tutela se promovi\u00f3 contra un particular, es decir, contra la madre de la menor, considera esta Sala que ella es procedente, dado que la situaci\u00f3n objeto de controversia encaja dentro del supuesto del numeral ...<br \/><div class=\"pt-cv-rmwrap\"><a href=\"https:\/\/www.dmsjuridica.com\/buscador_20179478954\/corteconstitucionalcronologico202454587\/t-509-92\/\" class=\"_self pt-cv-readmore btn btn-success\" target=\"_self\">Ver Sentencia Completa...<\/a><\/div><\/div><\/div><\/div>\n<div class=\"col-md-12 col-sm-12 col-xs-12 pt-cv-content-item pt-cv-1-col\" ><div class='pt-cv-ifield'><a href=\"https:\/\/www.dmsjuridica.com\/buscador_20179478954\/corteconstitucionalcronologico202454587\/t-508-92\/\" class=\"_self pt-cv-href-thumbnail pt-cv-thumb-default\" target=\"_self\" ><\/a>\n<div class=\"pt-cv-taxoterm above_title\"><a href='https:\/\/www.dmsjuridica.com\/buscador_20179478954\/corteconstitucionalcronologico202454587\/category\/buscar-en-toda-la-corte\/1992\/tutelas\/' title='Tutelas 1992' class='pt-cv-tax-tutelas'>Tutelas 1992<\/a><\/div>\n<h4 class=\"pt-cv-title\"><a href=\"https:\/\/www.dmsjuridica.com\/buscador_20179478954\/corteconstitucionalcronologico202454587\/t-508-92\/\" class=\"_self\" target=\"_self\" >T 508 92<\/a><\/h4>\n<div class=\"pt-cv-content\">T-508-92 Sentencia No. T-508\/92 ACCION DE TUTELA La Acci\u00f3n de Tutela est\u00e1 prevista como un mecanismo procesal complementario, espec\u00edfico y directo que tiene por objeto la protecci\u00f3n concreta e inmediata de los derechos constitucionales fundamentales, en una determinada situaci\u00f3n jur\u00eddica, cuando \u00e9stos sean violados o se presente amenaza de su violaci\u00f3n. ACCION POPULAR Las acciones populares, aunque est\u00e9n previstas para la preservaci\u00f3n y protecci\u00f3n de determinados derechos e intereses colectivos, pueden abarcar otros derechos de similar naturaleza, siempre que \u00e9stos sean definidos por la ley conforme a la Constitucion, y no contrar\u00eden la finalidad p\u00fablica o colectiva y concreta a ...<br \/><div class=\"pt-cv-rmwrap\"><a href=\"https:\/\/www.dmsjuridica.com\/buscador_20179478954\/corteconstitucionalcronologico202454587\/t-508-92\/\" class=\"_self pt-cv-readmore btn btn-success\" target=\"_self\">Ver Sentencia Completa...<\/a><\/div><\/div><\/div><\/div>\n<div class=\"col-md-12 col-sm-12 col-xs-12 pt-cv-content-item pt-cv-1-col\" ><div class='pt-cv-ifield'><a href=\"https:\/\/www.dmsjuridica.com\/buscador_20179478954\/corteconstitucionalcronologico202454587\/t-507-92\/\" class=\"_self pt-cv-href-thumbnail pt-cv-thumb-default\" target=\"_self\" ><\/a>\n<div class=\"pt-cv-taxoterm above_title\"><a href='https:\/\/www.dmsjuridica.com\/buscador_20179478954\/corteconstitucionalcronologico202454587\/category\/buscar-en-toda-la-corte\/1992\/tutelas\/' title='Tutelas 1992' class='pt-cv-tax-tutelas'>Tutelas 1992<\/a><\/div>\n<h4 class=\"pt-cv-title\"><a href=\"https:\/\/www.dmsjuridica.com\/buscador_20179478954\/corteconstitucionalcronologico202454587\/t-507-92\/\" class=\"_self\" target=\"_self\" >T 507 92<\/a><\/h4>\n<div class=\"pt-cv-content\">T-507-92 Sentencia No. T-507\/92 ACCION DE TUTELA-Improcedencia\/PROCESO ELECTORAL\/ACCION DE RECLAMACION Para la correcci\u00f3n de las anormalidades mencionadas por los peticionarios, el C\u00f3digo electoral ha puesto a disposici\u00f3n no solo de los testigos electorales, sino de los candidatos inscritos y de sus apoderados, como en el evento que se examina, la llamada Acci\u00f3n de Reclamaci\u00f3n que debe ser interpuesta ante la comisi\u00f3n escrutadora correspondiente, en el mismo momento de la elecci\u00f3n. Cuentan con la posibilidad de acudir a la jurisdicci\u00f3n de lo Contencioso Administrativo, mediante la Acci\u00f3n Electoral, con el fin de solicitar la nulidad de la elecci\u00f3n y no de ...<br \/><div class=\"pt-cv-rmwrap\"><a href=\"https:\/\/www.dmsjuridica.com\/buscador_20179478954\/corteconstitucionalcronologico202454587\/t-507-92\/\" class=\"_self pt-cv-readmore btn btn-success\" target=\"_self\">Ver Sentencia Completa...<\/a><\/div><\/div><\/div><\/div>\n<div class=\"col-md-12 col-sm-12 col-xs-12 pt-cv-content-item pt-cv-1-col\" ><div class='pt-cv-ifield'><a href=\"https:\/\/www.dmsjuridica.com\/buscador_20179478954\/corteconstitucionalcronologico202454587\/t-506-92\/\" class=\"_self pt-cv-href-thumbnail pt-cv-thumb-default\" target=\"_self\" ><\/a>\n<div class=\"pt-cv-taxoterm above_title\"><a href='https:\/\/www.dmsjuridica.com\/buscador_20179478954\/corteconstitucionalcronologico202454587\/category\/buscar-en-toda-la-corte\/1992\/tutelas\/' title='Tutelas 1992' class='pt-cv-tax-tutelas'>Tutelas 1992<\/a><\/div>\n<h4 class=\"pt-cv-title\"><a href=\"https:\/\/www.dmsjuridica.com\/buscador_20179478954\/corteconstitucionalcronologico202454587\/t-506-92\/\" class=\"_self\" target=\"_self\" >T 506 92<\/a><\/h4>\n<div class=\"pt-cv-content\">T-506-92 Sentencia No. T-506\/92 Los derechos que son fundamentales por aplicaci\u00f3n directa e inmediata son todos aquellos derechos de libertad e igualdad formal y, adem\u00e1s, ciertos derechos de igualdad material que se relacionan con la vida y la dignidad humana. Su car\u00e1cter de derechos de aplicaci\u00f3n directa se deriva de su naturaleza general v\u00e1lida en todos los casos. Los derechos fundamentales que son aplicables de manera indirecta son aquellos derechos econ\u00f3micos sociales o culturales, que se encuentran en una estrecha relaci\u00f3n de conexidad con los derechos fundamentales de aplicaci\u00f3n directa Este tipo de aplicaci\u00f3n es resultado de la necesidad de ...<br \/><div class=\"pt-cv-rmwrap\"><a href=\"https:\/\/www.dmsjuridica.com\/buscador_20179478954\/corteconstitucionalcronologico202454587\/t-506-92\/\" class=\"_self pt-cv-readmore btn btn-success\" target=\"_self\">Ver Sentencia Completa...<\/a><\/div><\/div><\/div><\/div>\n<div class=\"col-md-12 col-sm-12 col-xs-12 pt-cv-content-item pt-cv-1-col\" ><div class='pt-cv-ifield'><a href=\"https:\/\/www.dmsjuridica.com\/buscador_20179478954\/corteconstitucionalcronologico202454587\/t-505-92\/\" class=\"_self pt-cv-href-thumbnail pt-cv-thumb-default\" target=\"_self\" ><\/a>\n<div class=\"pt-cv-taxoterm above_title\"><a href='https:\/\/www.dmsjuridica.com\/buscador_20179478954\/corteconstitucionalcronologico202454587\/category\/buscar-en-toda-la-corte\/1992\/tutelas\/' title='Tutelas 1992' class='pt-cv-tax-tutelas'>Tutelas 1992<\/a><\/div>\n<h4 class=\"pt-cv-title\"><a href=\"https:\/\/www.dmsjuridica.com\/buscador_20179478954\/corteconstitucionalcronologico202454587\/t-505-92\/\" class=\"_self\" target=\"_self\" >T 505 92<\/a><\/h4>\n<div class=\"pt-cv-content\">T-505-92 Sentencia No. T-505\/92 DERECHOS DEL ENFERMO\/SIDA El infectado o enfermo de SIDA goza de iguales derechos que las dem\u00e1s personas. Sin embargo, debido al car\u00e1cter de la enfermedad, las autoridades est\u00e1n en la obligaci\u00f3n de darle a estas personas protecci\u00f3n especial con miras a garantizar sus derechos humanos y su dignidad. En particular, el Estado debe evitar toda medida discriminatoria o de estigmatizaci\u00f3n contra estas personas en la provisi\u00f3n de servicios, en el empleo y en su libertad de locomoci\u00f3n. Los derechos a la igualdad, a la intimidad, al libre desarrollo de la personalidad, al trabajo, a la salud, ...<br \/><div class=\"pt-cv-rmwrap\"><a href=\"https:\/\/www.dmsjuridica.com\/buscador_20179478954\/corteconstitucionalcronologico202454587\/t-505-92\/\" class=\"_self pt-cv-readmore btn btn-success\" target=\"_self\">Ver Sentencia Completa...<\/a><\/div><\/div><\/div><\/div>\n<div class=\"col-md-12 col-sm-12 col-xs-12 pt-cv-content-item pt-cv-1-col\" ><div class='pt-cv-ifield'><a href=\"https:\/\/www.dmsjuridica.com\/buscador_20179478954\/corteconstitucionalcronologico202454587\/t-503-92\/\" class=\"_self pt-cv-href-thumbnail pt-cv-thumb-default\" target=\"_self\" ><\/a>\n<div class=\"pt-cv-taxoterm above_title\"><a href='https:\/\/www.dmsjuridica.com\/buscador_20179478954\/corteconstitucionalcronologico202454587\/category\/buscar-en-toda-la-corte\/1992\/tutelas\/' title='Tutelas 1992' class='pt-cv-tax-tutelas'>Tutelas 1992<\/a><\/div>\n<h4 class=\"pt-cv-title\"><a href=\"https:\/\/www.dmsjuridica.com\/buscador_20179478954\/corteconstitucionalcronologico202454587\/t-503-92\/\" class=\"_self\" target=\"_self\" >T 503 92<\/a><\/h4>\n<div class=\"pt-cv-content\">T-503-92 Sentencia No. T-503\/92 DEBIDO PROCESO-Vulneraci\u00f3n\/DERECHO DE DEFENSA El debido proceso que por disposici\u00f3n de la Carta Pol\u00edtica, es aplicable tambi\u00e9n en trat\u00e1ndose de actuaciones administrativas, no se ha cumplido en el presente caso, pues, adem\u00e1s de que el Director de la Oficina de Control Urbano nunca contest\u00f3 las comunicaciones de los actores en donde le pedian que les notificara la licencia de construcci\u00f3n. La inobservancia entonces, de este procedimiento de notificaci\u00f3n de solicitud de licencia y del acto administrativo que la concedi\u00f3, no ha permitido que los vecinos en cuesti\u00f3n puedan ejercer su derecho de defensa de colindantes de ...<br \/><div class=\"pt-cv-rmwrap\"><a href=\"https:\/\/www.dmsjuridica.com\/buscador_20179478954\/corteconstitucionalcronologico202454587\/t-503-92\/\" class=\"_self pt-cv-readmore btn btn-success\" target=\"_self\">Ver Sentencia Completa...<\/a><\/div><\/div><\/div><\/div>\n<div class=\"col-md-12 col-sm-12 col-xs-12 pt-cv-content-item pt-cv-1-col\" ><div class='pt-cv-ifield'><a href=\"https:\/\/www.dmsjuridica.com\/buscador_20179478954\/corteconstitucionalcronologico202454587\/t-502-92\/\" class=\"_self pt-cv-href-thumbnail pt-cv-thumb-default\" target=\"_self\" ><\/a>\n<div class=\"pt-cv-taxoterm above_title\"><a href='https:\/\/www.dmsjuridica.com\/buscador_20179478954\/corteconstitucionalcronologico202454587\/category\/buscar-en-toda-la-corte\/1992\/tutelas\/' title='Tutelas 1992' class='pt-cv-tax-tutelas'>Tutelas 1992<\/a><\/div>\n<h4 class=\"pt-cv-title\"><a href=\"https:\/\/www.dmsjuridica.com\/buscador_20179478954\/corteconstitucionalcronologico202454587\/t-502-92\/\" class=\"_self\" target=\"_self\" >T 502 92<\/a><\/h4>\n<div class=\"pt-cv-content\">T-502-92 Sentencia No. T-502\/92 ACCION DE TUTELA CONTRA SENTENCIAS-Improcedencia\/JUEZ MUNICIPAL Se encuentran excluidas de tutela las sentencias y dem\u00e1s providencias proferidas por los jueces municipales y del circuito, como \u00e9sta, por lo cual se denegar\u00e1 la presente tutela. El tema de la competencia de los Jueces para conocer de la solicitud de tutela que se refiera a las sentencias proferidas por los Jueces Municipales o del Circuito, ser\u00e1 objeto de pronunciamiento por v\u00eda de constitucionalidad . INASISTENCIA ALIMENTARIA La no cancelaci\u00f3n de las mesadas, provisional o definitivamente decretadas por el juez civil o de menores, ubica al incumplidor en el ...<br \/><div class=\"pt-cv-rmwrap\"><a href=\"https:\/\/www.dmsjuridica.com\/buscador_20179478954\/corteconstitucionalcronologico202454587\/t-502-92\/\" class=\"_self pt-cv-readmore btn btn-success\" target=\"_self\">Ver Sentencia Completa...<\/a><\/div><\/div><\/div><\/div>\n<div class=\"col-md-12 col-sm-12 col-xs-12 pt-cv-content-item pt-cv-1-col\" ><div class='pt-cv-ifield'><a href=\"https:\/\/www.dmsjuridica.com\/buscador_20179478954\/corteconstitucionalcronologico202454587\/t-501-92\/\" class=\"_self pt-cv-href-thumbnail pt-cv-thumb-default\" target=\"_self\" ><\/a>\n<div class=\"pt-cv-taxoterm above_title\"><a href='https:\/\/www.dmsjuridica.com\/buscador_20179478954\/corteconstitucionalcronologico202454587\/category\/buscar-en-toda-la-corte\/1992\/tutelas\/' title='Tutelas 1992' class='pt-cv-tax-tutelas'>Tutelas 1992<\/a><\/div>\n<h4 class=\"pt-cv-title\"><a href=\"https:\/\/www.dmsjuridica.com\/buscador_20179478954\/corteconstitucionalcronologico202454587\/t-501-92\/\" class=\"_self\" target=\"_self\" >T 501 92<\/a><\/h4>\n<div class=\"pt-cv-content\">T-501-92 Sentencia No. T-501\/92 ACCION DE TUTELA-Informalidad La acci\u00f3n de tutela puede ser intentada por cualquier persona, con prescindencia de su edad, origen, raza, nivel econ\u00f3mico, social o profesional y, por supuesto, sin que para tramitarla y decidirla sean indispensables los requisitos formales ni las f\u00f3rmulas exactas y ni siquiera un escrito, por cuanto puede ser verbal. AUTORIDAD PUBLICA-Concepto\/EMPLEADO PUBLICO La autoridad es p\u00fablica cuando el poder del que dispone proviene del Estado, de conformidad con las instituciones que lo rigen. Subjetivamente hablando, la expresi\u00f3n autoridad sirve para designar a quien encarna y ejerce esa potestad. Para el acceso a ...<br \/><div class=\"pt-cv-rmwrap\"><a href=\"https:\/\/www.dmsjuridica.com\/buscador_20179478954\/corteconstitucionalcronologico202454587\/t-501-92\/\" class=\"_self pt-cv-readmore btn btn-success\" target=\"_self\">Ver Sentencia Completa...<\/a><\/div><\/div><\/div><\/div>\n<div class=\"col-md-12 col-sm-12 col-xs-12 pt-cv-content-item pt-cv-1-col\" ><div class='pt-cv-ifield'><a href=\"https:\/\/www.dmsjuridica.com\/buscador_20179478954\/corteconstitucionalcronologico202454587\/t-500-92\/\" class=\"_self pt-cv-href-thumbnail pt-cv-thumb-default\" target=\"_self\" ><\/a>\n<div class=\"pt-cv-taxoterm above_title\"><a href='https:\/\/www.dmsjuridica.com\/buscador_20179478954\/corteconstitucionalcronologico202454587\/category\/buscar-en-toda-la-corte\/1992\/tutelas\/' title='Tutelas 1992' class='pt-cv-tax-tutelas'>Tutelas 1992<\/a><\/div>\n<h4 class=\"pt-cv-title\"><a href=\"https:\/\/www.dmsjuridica.com\/buscador_20179478954\/corteconstitucionalcronologico202454587\/t-500-92\/\" class=\"_self\" target=\"_self\" >T 500 92<\/a><\/h4>\n<div class=\"pt-cv-content\">T-500-92 Sentencia No. T-500\/92 DEBIDO PROCESO\/PRESUNCION DE INOCENCIA\/DERECHO A LA EDUCACION Los establecimientos educativos no est\u00e1n exonerados de cumplir el precepto constitucional, aplicable en materia de imposici\u00f3n de sanciones, seg\u00fan el cual nadie puede ser castigado sin que se le hayan brindado la posibilidad de una defensa y las garant\u00edas del debido proceso. Toda persona tiene derecho a que se presuma su inocencia y a que, en caso de sindicaciones en su contra, no se deduzcan sus responsabilidades sin haberla o\u00eddo y vencido en el curso de un proceso dentro del cual haya podido, cuando menos, exponer sus propias razones, ...<br \/><div class=\"pt-cv-rmwrap\"><a href=\"https:\/\/www.dmsjuridica.com\/buscador_20179478954\/corteconstitucionalcronologico202454587\/t-500-92\/\" class=\"_self pt-cv-readmore btn btn-success\" target=\"_self\">Ver Sentencia Completa...<\/a><\/div><\/div><\/div><\/div>\n<div class=\"col-md-12 col-sm-12 col-xs-12 pt-cv-content-item pt-cv-1-col\" ><div class='pt-cv-ifield'><a href=\"https:\/\/www.dmsjuridica.com\/buscador_20179478954\/corteconstitucionalcronologico202454587\/t-499-92\/\" class=\"_self pt-cv-href-thumbnail pt-cv-thumb-default\" target=\"_self\" ><\/a>\n<div class=\"pt-cv-taxoterm above_title\"><a href='https:\/\/www.dmsjuridica.com\/buscador_20179478954\/corteconstitucionalcronologico202454587\/category\/buscar-en-toda-la-corte\/1992\/tutelas\/' title='Tutelas 1992' class='pt-cv-tax-tutelas'>Tutelas 1992<\/a><\/div>\n<h4 class=\"pt-cv-title\"><a href=\"https:\/\/www.dmsjuridica.com\/buscador_20179478954\/corteconstitucionalcronologico202454587\/t-499-92\/\" class=\"_self\" target=\"_self\" >T 499 92<\/a><\/h4>\n<div class=\"pt-cv-content\">T-499-92 Sentencia No. T-499\/92 PRINCIPIO DE DIGNIDAD HUMANA El respeto de la dignidad humana debe inspirar todas las actuaciones del Estado. Los funcionarios p\u00fablicos est\u00e1n en la obligaci\u00f3n de tratar a toda persona, sin distinci\u00f3n alguna. La integridad del ser humano constituye raz\u00f3n de ser, principio y fin \u00faltimo de la organizaci\u00f3n estatal. El derecho a la salud, cuando su vulneraci\u00f3n o amenaza compromete otros derechos fundamentales como la vida, la integridad o el trabajo, goza de car\u00e1cter fundamental y es susceptible de ser protegido por v\u00eda de la acci\u00f3n de tutela. El nuevo orden constitucional antepone a las trabas, ...<br \/><div class=\"pt-cv-rmwrap\"><a href=\"https:\/\/www.dmsjuridica.com\/buscador_20179478954\/corteconstitucionalcronologico202454587\/t-499-92\/\" class=\"_self pt-cv-readmore btn btn-success\" target=\"_self\">Ver Sentencia Completa...<\/a><\/div><\/div><\/div><\/div>\n<div class=\"col-md-12 col-sm-12 col-xs-12 pt-cv-content-item pt-cv-1-col\" ><div class='pt-cv-ifield'><a href=\"https:\/\/www.dmsjuridica.com\/buscador_20179478954\/corteconstitucionalcronologico202454587\/t-498-92\/\" class=\"_self pt-cv-href-thumbnail pt-cv-thumb-default\" target=\"_self\" ><\/a>\n<div class=\"pt-cv-taxoterm above_title\"><a href='https:\/\/www.dmsjuridica.com\/buscador_20179478954\/corteconstitucionalcronologico202454587\/category\/buscar-en-toda-la-corte\/1992\/tutelas\/' title='Tutelas 1992' class='pt-cv-tax-tutelas'>Tutelas 1992<\/a><\/div>\n<h4 class=\"pt-cv-title\"><a href=\"https:\/\/www.dmsjuridica.com\/buscador_20179478954\/corteconstitucionalcronologico202454587\/t-498-92\/\" class=\"_self\" target=\"_self\" >T 498 92<\/a><\/h4>\n<div class=\"pt-cv-content\">T-498-92 Sentencia No. T-498\/92 TERMINO JUDICIAL\/MORA JUDICIAL\/DEBIDO PROCESO-Vulneraci\u00f3n\/DERECHO DE PETICION-Vulneraci\u00f3n Existe una estrecha relaci\u00f3n entre el debido proceso y el cumplimiento estricto de los t\u00e9rminos procesales. De modo tal que toda dilaci\u00f3n injustificada de ellos constituye agravio al debido proceso. Se vulnera no s\u00f3lo el derecho fundamental al debido proceso, sino el de petici\u00f3n en aquel aspecto que lo hace verdaderamente efectivo: la pronta resoluci\u00f3n de la petici\u00f3n. Ref.: Expediente T-2295 PROCEDENCIA: TRIBUNAL SUPERIOR DE MEDELLIN -SALA PENAL- PETICIONARIO: RAMIRO SANCHEZ ALVAREZ MAGISTRADO PONENTE: CIRO ANGARITA BARON La Sala Primera de Revisi\u00f3n de la Corte Constitucional, integrada por los Magistrados ...<br \/><div class=\"pt-cv-rmwrap\"><a href=\"https:\/\/www.dmsjuridica.com\/buscador_20179478954\/corteconstitucionalcronologico202454587\/t-498-92\/\" class=\"_self pt-cv-readmore btn btn-success\" target=\"_self\">Ver Sentencia Completa...<\/a><\/div><\/div><\/div><\/div>\n<div class=\"col-md-12 col-sm-12 col-xs-12 pt-cv-content-item pt-cv-1-col\" ><div class='pt-cv-ifield'><a href=\"https:\/\/www.dmsjuridica.com\/buscador_20179478954\/corteconstitucionalcronologico202454587\/t-497-92\/\" class=\"_self pt-cv-href-thumbnail pt-cv-thumb-default\" target=\"_self\" ><\/a>\n<div class=\"pt-cv-taxoterm above_title\"><a href='https:\/\/www.dmsjuridica.com\/buscador_20179478954\/corteconstitucionalcronologico202454587\/category\/buscar-en-toda-la-corte\/1992\/tutelas\/' title='Tutelas 1992' class='pt-cv-tax-tutelas'>Tutelas 1992<\/a><\/div>\n<h4 class=\"pt-cv-title\"><a href=\"https:\/\/www.dmsjuridica.com\/buscador_20179478954\/corteconstitucionalcronologico202454587\/t-497-92\/\" class=\"_self\" target=\"_self\" >T 497 92<\/a><\/h4>\n<div class=\"pt-cv-content\">T-497-92 Sentencia No. T-497\/92 ACCION DE TUTELA-Improcedencia\/PENSION DE JUBILACION-Reajuste\/DERECHO A LA SEGURIDAD SOCIAL\/DERECHOS FUNDAMENTALES Existiendo instrumentos judiciales que el ordenamiento jur\u00eddico contempla no s\u00f3lo para obtener las pretensiones de \u00edndole laboral de que da cuenta el actor, sino tambi\u00e9n para lograr su pago compulsivamente, a ellos habr\u00e1 que acudir para obtener los reajustes pensionales que ahora reclama a trav\u00e9s de acci\u00f3n de tutela. No se entiende entonces que se ocurra ante el juez de tutela, para que \u00e9ste reemplace al juzgador administrativo o laboral y haga lo que por competencia legal corresponde hacer a uno u otro seg\u00fan el caso ...<br \/><div class=\"pt-cv-rmwrap\"><a href=\"https:\/\/www.dmsjuridica.com\/buscador_20179478954\/corteconstitucionalcronologico202454587\/t-497-92\/\" class=\"_self pt-cv-readmore btn btn-success\" target=\"_self\">Ver Sentencia Completa...<\/a><\/div><\/div><\/div><\/div>\n<div class=\"col-md-12 col-sm-12 col-xs-12 pt-cv-content-item pt-cv-1-col\" ><div class='pt-cv-ifield'><a href=\"https:\/\/www.dmsjuridica.com\/buscador_20179478954\/corteconstitucionalcronologico202454587\/t-496-92\/\" class=\"_self pt-cv-href-thumbnail pt-cv-thumb-default\" target=\"_self\" ><\/a>\n<div class=\"pt-cv-taxoterm above_title\"><a href='https:\/\/www.dmsjuridica.com\/buscador_20179478954\/corteconstitucionalcronologico202454587\/category\/buscar-en-toda-la-corte\/1992\/tutelas\/' title='Tutelas 1992' class='pt-cv-tax-tutelas'>Tutelas 1992<\/a><\/div>\n<h4 class=\"pt-cv-title\"><a href=\"https:\/\/www.dmsjuridica.com\/buscador_20179478954\/corteconstitucionalcronologico202454587\/t-496-92\/\" class=\"_self\" target=\"_self\" >T 496 92<\/a><\/h4>\n<div class=\"pt-cv-content\">T-496-92 Sentencia No. T-496\/92 DEBIDO PROCESO La figura del debido proceso, es aplicable a toda clase de actuaciones que se realicen en los estrados judiciales e igualmente es v\u00e1lido el debido proceso, para toda actividad de la administraci\u00f3n p\u00fablica en general, sin excepciones de ninguna \u00edndole y sin ninguna clase de consideraciones sobre el particular. En el evento sublite es apenas natural que puede la sociedad actora reclamar que se le desconoce el debido proceso, ya que \u00e9ste ha de cumplirse en trat\u00e1ndose tambi\u00e9n de los tr\u00e1mites y procedimientos que se cumplen ante las autoridades administrativas y sin que al ...<br \/><div class=\"pt-cv-rmwrap\"><a href=\"https:\/\/www.dmsjuridica.com\/buscador_20179478954\/corteconstitucionalcronologico202454587\/t-496-92\/\" class=\"_self pt-cv-readmore btn btn-success\" target=\"_self\">Ver Sentencia Completa...<\/a><\/div><\/div><\/div><\/div>\n<div class=\"col-md-12 col-sm-12 col-xs-12 pt-cv-content-item pt-cv-1-col\" ><div class='pt-cv-ifield'><a href=\"https:\/\/www.dmsjuridica.com\/buscador_20179478954\/corteconstitucionalcronologico202454587\/t-495-92\/\" class=\"_self pt-cv-href-thumbnail pt-cv-thumb-default\" target=\"_self\" ><\/a>\n<div class=\"pt-cv-taxoterm above_title\"><a href='https:\/\/www.dmsjuridica.com\/buscador_20179478954\/corteconstitucionalcronologico202454587\/category\/buscar-en-toda-la-corte\/1992\/tutelas\/' title='Tutelas 1992' class='pt-cv-tax-tutelas'>Tutelas 1992<\/a><\/div>\n<h4 class=\"pt-cv-title\"><a href=\"https:\/\/www.dmsjuridica.com\/buscador_20179478954\/corteconstitucionalcronologico202454587\/t-495-92\/\" class=\"_self\" target=\"_self\" >T 495 92<\/a><\/h4>\n<div class=\"pt-cv-content\">T-495-92 Sentencia No. T-495\/92 DERECHO DE PETICION-Alcance El \u00fanico l\u00edmite que impone la Constituci\u00f3n para no poder ser titular del derecho de obtener pronta resoluci\u00f3n a las peticiones, es que la petici\u00f3n se haya formulado de manera irrespetuosa. Es en la resoluci\u00f3n, y no en la formulaci\u00f3n donde este fundamental derecho adquiere toda su dimensi\u00f3n como instrumento eficaz de la participaci\u00f3n democr\u00e1tica, el derecho a la informaci\u00f3n y la efectividad de los dem\u00e1s derechos fundamentales. El derecho de petici\u00f3n es uno de los instrumentos fundamentales para la efectividad de los mecanismos de la democracia participativa. Adem\u00e1s, porque mediante \u00e9l se ...<br \/><div class=\"pt-cv-rmwrap\"><a href=\"https:\/\/www.dmsjuridica.com\/buscador_20179478954\/corteconstitucionalcronologico202454587\/t-495-92\/\" class=\"_self pt-cv-readmore btn btn-success\" target=\"_self\">Ver Sentencia Completa...<\/a><\/div><\/div><\/div><\/div>\n<div class=\"col-md-12 col-sm-12 col-xs-12 pt-cv-content-item pt-cv-1-col\" ><div class='pt-cv-ifield'><a href=\"https:\/\/www.dmsjuridica.com\/buscador_20179478954\/corteconstitucionalcronologico202454587\/t-494-92\/\" class=\"_self pt-cv-href-thumbnail pt-cv-thumb-default\" target=\"_self\" ><\/a>\n<div class=\"pt-cv-taxoterm above_title\"><a href='https:\/\/www.dmsjuridica.com\/buscador_20179478954\/corteconstitucionalcronologico202454587\/category\/buscar-en-toda-la-corte\/1992\/tutelas\/' title='Tutelas 1992' class='pt-cv-tax-tutelas'>Tutelas 1992<\/a><\/div>\n<h4 class=\"pt-cv-title\"><a href=\"https:\/\/www.dmsjuridica.com\/buscador_20179478954\/corteconstitucionalcronologico202454587\/t-494-92\/\" class=\"_self\" target=\"_self\" >T 494 92<\/a><\/h4>\n<div class=\"pt-cv-content\">T-494-92 _Sentencia No. T-494\/92 DERECHO A LA POSESION\/DERECHOS FUNDAMENTALES No es infundado afirmar que en la actual coyuntura colombiana la posesi\u00f3n es un derecho fundamental. Tiene conexi\u00f3n \u00edntima con el derecho de propiedad, la cual constituye en opini\u00f3n de esta Corte uno de los criterios espec\u00edficos para la determinaci\u00f3n de esa categor\u00eda jur\u00eddica abierta que es el derecho constitucional fundamental. La ontolog\u00eda y especificidad de la relaci\u00f3n posesoria y sus consecuencias econ\u00f3micas y sociales son de tal relevancia en el seno de la comunidad y para el logro de sus altos fines, que esta Corte reconoce que la posesi\u00f3n tiene, ...<br \/><div class=\"pt-cv-rmwrap\"><a href=\"https:\/\/www.dmsjuridica.com\/buscador_20179478954\/corteconstitucionalcronologico202454587\/t-494-92\/\" class=\"_self pt-cv-readmore btn btn-success\" target=\"_self\">Ver Sentencia Completa...<\/a><\/div><\/div><\/div><\/div>\n<div class=\"col-md-12 col-sm-12 col-xs-12 pt-cv-content-item pt-cv-1-col\" ><div class='pt-cv-ifield'><a href=\"https:\/\/www.dmsjuridica.com\/buscador_20179478954\/corteconstitucionalcronologico202454587\/t-493-92\/\" class=\"_self pt-cv-href-thumbnail pt-cv-thumb-default\" target=\"_self\" ><\/a>\n<div class=\"pt-cv-taxoterm above_title\"><a href='https:\/\/www.dmsjuridica.com\/buscador_20179478954\/corteconstitucionalcronologico202454587\/category\/buscar-en-toda-la-corte\/1992\/tutelas\/' title='Tutelas 1992' class='pt-cv-tax-tutelas'>Tutelas 1992<\/a><\/div>\n<h4 class=\"pt-cv-title\"><a href=\"https:\/\/www.dmsjuridica.com\/buscador_20179478954\/corteconstitucionalcronologico202454587\/t-493-92\/\" class=\"_self\" target=\"_self\" >T 493 92<\/a><\/h4>\n<div class=\"pt-cv-content\">T-493-92 Sentencia No. T-493\/92 ACCION DE TUTELA CONTRA PARTICULARES\/SERVICIO PUBLICO DE EDUCACION La acci\u00f3n de tutela, procede contra particulares en los casos establecidos por la ley; uno de tales casos, se presenta cuando aqu\u00e9l contra quien se hubiere hecho la solicitud est\u00e9 encargado de la prestaci\u00f3n del servicio p\u00fablico de educaci\u00f3n ACCION DE TUTELA\/PERJUICIO IRREMEDIABLE Los medios de defensa contemplados, como excluyentes de la acci\u00f3n de tutela, son los judiciales, es decir, est\u00e1n circunscritos a las posibilidades que, dentro del sistema jur\u00eddico colombiano, tiene toda persona para acudir ante los jueces de la Rep\u00fablica. As\u00ed, no son admisibles como medios ...<br \/><div class=\"pt-cv-rmwrap\"><a href=\"https:\/\/www.dmsjuridica.com\/buscador_20179478954\/corteconstitucionalcronologico202454587\/t-493-92\/\" class=\"_self pt-cv-readmore btn btn-success\" target=\"_self\">Ver Sentencia Completa...<\/a><\/div><\/div><\/div><\/div>\n<div class=\"col-md-12 col-sm-12 col-xs-12 pt-cv-content-item pt-cv-1-col\" ><div class='pt-cv-ifield'><a href=\"https:\/\/www.dmsjuridica.com\/buscador_20179478954\/corteconstitucionalcronologico202454587\/t-492-92\/\" class=\"_self pt-cv-href-thumbnail pt-cv-thumb-default\" target=\"_self\" ><\/a>\n<div class=\"pt-cv-taxoterm above_title\"><a href='https:\/\/www.dmsjuridica.com\/buscador_20179478954\/corteconstitucionalcronologico202454587\/category\/buscar-en-toda-la-corte\/1992\/tutelas\/' title='Tutelas 1992' class='pt-cv-tax-tutelas'>Tutelas 1992<\/a><\/div>\n<h4 class=\"pt-cv-title\"><a href=\"https:\/\/www.dmsjuridica.com\/buscador_20179478954\/corteconstitucionalcronologico202454587\/t-492-92\/\" class=\"_self\" target=\"_self\" >T 492 92<\/a><\/h4>\n<div class=\"pt-cv-content\">T-492-92 Sentencia No. T-492\/92 ACCION DE TUTELA CONTRA PARTICULARES\/SERVICIO PUBLICO DE EDUCACION La tutela contra particulares cabe apenas en los casos establecidos por la ley y siempre que aquellas personas contra quienes se intenta est\u00e9n encargadas de la prestaci\u00f3n de un servicio p\u00fablico o su conducta afecte grave y directamente el inter\u00e9s colectivo, o respecto de ellas el solicitante se halle en estado de subordinaci\u00f3n o indefensi\u00f3n. AUTONOMIA UNIVERSITARIA\/REGLAMENTO UNIVERSITARIO La autonom\u00eda universitaria, la cual encuentra fundamento en la necesidad de que el acceso a la formaci\u00f3n acad\u00e9mica de las personas tenga lugar dentro de un clima libre de interferencias ...<br \/><div class=\"pt-cv-rmwrap\"><a href=\"https:\/\/www.dmsjuridica.com\/buscador_20179478954\/corteconstitucionalcronologico202454587\/t-492-92\/\" class=\"_self pt-cv-readmore btn btn-success\" target=\"_self\">Ver Sentencia Completa...<\/a><\/div><\/div><\/div><\/div>\n<div class=\"col-md-12 col-sm-12 col-xs-12 pt-cv-content-item pt-cv-1-col\" ><div class='pt-cv-ifield'><a href=\"https:\/\/www.dmsjuridica.com\/buscador_20179478954\/corteconstitucionalcronologico202454587\/t-491-92\/\" class=\"_self pt-cv-href-thumbnail pt-cv-thumb-default\" target=\"_self\" ><\/a>\n<div class=\"pt-cv-taxoterm above_title\"><a href='https:\/\/www.dmsjuridica.com\/buscador_20179478954\/corteconstitucionalcronologico202454587\/category\/buscar-en-toda-la-corte\/1992\/tutelas\/' title='Tutelas 1992' class='pt-cv-tax-tutelas'>Tutelas 1992<\/a><\/div>\n<h4 class=\"pt-cv-title\"><a href=\"https:\/\/www.dmsjuridica.com\/buscador_20179478954\/corteconstitucionalcronologico202454587\/t-491-92\/\" class=\"_self\" target=\"_self\" >T 491 92<\/a><\/h4>\n<div class=\"pt-cv-content\">T-491-92 Sentencia No. T-491\/92 DERECHO A LA SEGURIDAD SOCIAL\/DERECHOS FUNDAMENTALES-Determinaci\u00f3n La fundamentalidad de un derecho constitucional no depende solamente de la naturaleza del derecho, sino tambi\u00e9n de las circunstancias del caso. La vida, la integridad f\u00edsica, la libertad, son derechos fundamentales dado su car\u00e1cter inalienable. En cambio, la seguridad social es un derecho constitucional desarrollado en la ley que, en principio, no ostenta el rango de fundamental, salvo que las circunstancias concretas permitan atribuirle esta connotaci\u00f3n por su importancia imprescindible para la vigencia de otros derechos fundamentales. DERECHOS FUNDAMENTALES-Conexidad\/DERECHO A LA SALUD Los derechos fundamentales por conexidad son aquellos que ...<br \/><div class=\"pt-cv-rmwrap\"><a href=\"https:\/\/www.dmsjuridica.com\/buscador_20179478954\/corteconstitucionalcronologico202454587\/t-491-92\/\" class=\"_self pt-cv-readmore btn btn-success\" target=\"_self\">Ver Sentencia Completa...<\/a><\/div><\/div><\/div><\/div>\n<div class=\"col-md-12 col-sm-12 col-xs-12 pt-cv-content-item pt-cv-1-col\" ><div class='pt-cv-ifield'><a href=\"https:\/\/www.dmsjuridica.com\/buscador_20179478954\/corteconstitucionalcronologico202454587\/t-490-92\/\" class=\"_self pt-cv-href-thumbnail pt-cv-thumb-default\" target=\"_self\" ><\/a>\n<div class=\"pt-cv-taxoterm above_title\"><a href='https:\/\/www.dmsjuridica.com\/buscador_20179478954\/corteconstitucionalcronologico202454587\/category\/buscar-en-toda-la-corte\/1992\/tutelas\/' title='Tutelas 1992' class='pt-cv-tax-tutelas'>Tutelas 1992<\/a><\/div>\n<h4 class=\"pt-cv-title\"><a href=\"https:\/\/www.dmsjuridica.com\/buscador_20179478954\/corteconstitucionalcronologico202454587\/t-490-92\/\" class=\"_self\" target=\"_self\" >T 490 92<\/a><\/h4>\n<div class=\"pt-cv-content\">T-490-92 Sentencia No. T-490\/92 DERECHO A LA LIBERTAD-Reserva Judicial\/AUTORIDAD JUDICIAL\/COMPETENCIA\/ALCALDE En materia del derecho a la libertad personal, el constituyente ha estructurado una serie de garant\u00edas sin antecedentes en nuestra tradici\u00f3n jur\u00eddica. La Constituci\u00f3n establece una reserva judicial en favor de la libertad individual, siendo indispensable el mandamiento escrito de autoridad judicial competente, con las formalidades legales y por motivo previamente definido en la ley, para que una persona pueda ser reducido a prisi\u00f3n, arresto o detenci\u00f3n. En adelante, solamente las autoridades judiciales tienen competencia para imponer penas que conlleven la privaci\u00f3n de la libertad. En consecuencia, a la autoridad ...<br \/><div class=\"pt-cv-rmwrap\"><a href=\"https:\/\/www.dmsjuridica.com\/buscador_20179478954\/corteconstitucionalcronologico202454587\/t-490-92\/\" class=\"_self pt-cv-readmore btn btn-success\" target=\"_self\">Ver Sentencia Completa...<\/a><\/div><\/div><\/div><\/div>\n<div class=\"col-md-12 col-sm-12 col-xs-12 pt-cv-content-item pt-cv-1-col\" ><div class='pt-cv-ifield'><a href=\"https:\/\/www.dmsjuridica.com\/buscador_20179478954\/corteconstitucionalcronologico202454587\/t-489-92\/\" class=\"_self pt-cv-href-thumbnail pt-cv-thumb-default\" target=\"_self\" ><\/a>\n<div class=\"pt-cv-taxoterm above_title\"><a href='https:\/\/www.dmsjuridica.com\/buscador_20179478954\/corteconstitucionalcronologico202454587\/category\/buscar-en-toda-la-corte\/1992\/tutelas\/' title='Tutelas 1992' class='pt-cv-tax-tutelas'>Tutelas 1992<\/a><\/div>\n<h4 class=\"pt-cv-title\"><a href=\"https:\/\/www.dmsjuridica.com\/buscador_20179478954\/corteconstitucionalcronologico202454587\/t-489-92\/\" class=\"_self\" target=\"_self\" >T 489 92<\/a><\/h4>\n<div class=\"pt-cv-content\">T-489-92 Sentencia No. T-489\/92 SALA DE REVISION No. 5 REF: Expediente No.T-265-22 Acci\u00f3n de Tutela interpuesta contra la Universidad Cooperativa de Colombia seccional Bucaramanga. Peticionario: SAMUEL ENRIQUE BARRERA PUERTO. Magistrados: Dr. FABIO MORON DIAZ Dr. SIMON RODRIGUEZ RODRIGUEZ Dr. JAIME SANIN GREIFFENSTEIN Santaf\u00e9 de Bogot\u00e1 D.C., Agosto once (11) de mil novecientos noventa y dos (1992). La Sala de Revisi\u00f3n en asuntos de tutela, compuesta por los Magistrados Sim\u00f3n Rodr\u00edguez Rodr\u00edguez, Jaime San\u00edn Greiffenstein y Fabio Mor\u00f3n D\u00edaz, previo estudio del Magistrado Ponente, resuelve sobre la revisi\u00f3n de la sentencia relacionada con la acci\u00f3n de la referencia, proferida por el ...<br \/><div class=\"pt-cv-rmwrap\"><a href=\"https:\/\/www.dmsjuridica.com\/buscador_20179478954\/corteconstitucionalcronologico202454587\/t-489-92\/\" class=\"_self pt-cv-readmore btn btn-success\" target=\"_self\">Ver Sentencia Completa...<\/a><\/div><\/div><\/div><\/div>\n<div class=\"col-md-12 col-sm-12 col-xs-12 pt-cv-content-item pt-cv-1-col\" ><div class='pt-cv-ifield'><a href=\"https:\/\/www.dmsjuridica.com\/buscador_20179478954\/corteconstitucionalcronologico202454587\/t-488-92\/\" class=\"_self pt-cv-href-thumbnail pt-cv-thumb-default\" target=\"_self\" ><\/a>\n<div class=\"pt-cv-taxoterm above_title\"><a href='https:\/\/www.dmsjuridica.com\/buscador_20179478954\/corteconstitucionalcronologico202454587\/category\/buscar-en-toda-la-corte\/1992\/tutelas\/' title='Tutelas 1992' class='pt-cv-tax-tutelas'>Tutelas 1992<\/a><\/div>\n<h4 class=\"pt-cv-title\"><a href=\"https:\/\/www.dmsjuridica.com\/buscador_20179478954\/corteconstitucionalcronologico202454587\/t-488-92\/\" class=\"_self\" target=\"_self\" >T 488 92<\/a><\/h4>\n<div class=\"pt-cv-content\">T-488-92 Sentencia No. T-488\/92 La acci\u00f3n de tutela est\u00e1 prevista como un mecanismo procesal espec\u00edfico y directo que tiene por objeto la protecci\u00f3n concreta e inmediata de los derechos constitucionales fundamentales, en una determinada situaci\u00f3n jur\u00eddica, cuando estos sean violados o se presente amenaza de su violaci\u00f3n, sin que se pueda plantear en esos estrados discusi\u00f3n jur\u00eddica sobre el derecho mismo. Es un medio espec\u00edfico, porque se contrae a la protecci\u00f3n inmediata de los derechos constitucionales fundamentales, de modo actual e inminente, y no a otros, y conduce, previa la solicitud, a la expedici\u00f3n de una declaraci\u00f3n judicial que contenga ...<br \/><div class=\"pt-cv-rmwrap\"><a href=\"https:\/\/www.dmsjuridica.com\/buscador_20179478954\/corteconstitucionalcronologico202454587\/t-488-92\/\" class=\"_self pt-cv-readmore btn btn-success\" target=\"_self\">Ver Sentencia Completa...<\/a><\/div><\/div><\/div><\/div>\n<div class=\"col-md-12 col-sm-12 col-xs-12 pt-cv-content-item pt-cv-1-col\" ><div class='pt-cv-ifield'><a href=\"https:\/\/www.dmsjuridica.com\/buscador_20179478954\/corteconstitucionalcronologico202454587\/t-487-92\/\" class=\"_self pt-cv-href-thumbnail pt-cv-thumb-default\" target=\"_self\" ><\/a>\n<div class=\"pt-cv-taxoterm above_title\"><a href='https:\/\/www.dmsjuridica.com\/buscador_20179478954\/corteconstitucionalcronologico202454587\/category\/buscar-en-toda-la-corte\/1992\/tutelas\/' title='Tutelas 1992' class='pt-cv-tax-tutelas'>Tutelas 1992<\/a><\/div>\n<h4 class=\"pt-cv-title\"><a href=\"https:\/\/www.dmsjuridica.com\/buscador_20179478954\/corteconstitucionalcronologico202454587\/t-487-92\/\" class=\"_self\" target=\"_self\" >T 487 92<\/a><\/h4>\n<div class=\"pt-cv-content\">T-487-92 Sentencia T-487\/92 PRINCIPIO DE LA BUENA FE Con la constitucionalizaci\u00f3n del principio de la buena fe, se logra que \u00e9ste se convierta en eficaz instrumento para lograr que la administraci\u00f3n obre con el criterio rector de la efectividad del servicio p\u00fablico por encima de las conductas meramente formales que han desnaturalizado su esencia. LIBERTAD DE LOCOMOCION\/LIBERTAD DE RESIDENCIA La consagraci\u00f3n constitucional de la libertad de locomoci\u00f3n y residencia es fundamental para impedir la intervenci\u00f3n indebida de las autoridades estatales o de los particulares, quienes no podr\u00edan restringir o entrabar la libre circulaci\u00f3n dentro y fuera del Pa\u00eds, ni imponer ...<br \/><div class=\"pt-cv-rmwrap\"><a href=\"https:\/\/www.dmsjuridica.com\/buscador_20179478954\/corteconstitucionalcronologico202454587\/t-487-92\/\" class=\"_self pt-cv-readmore btn btn-success\" target=\"_self\">Ver Sentencia Completa...<\/a><\/div><\/div><\/div><\/div>\n<div class=\"col-md-12 col-sm-12 col-xs-12 pt-cv-content-item pt-cv-1-col\" ><div class='pt-cv-ifield'><a href=\"https:\/\/www.dmsjuridica.com\/buscador_20179478954\/corteconstitucionalcronologico202454587\/t-486-92\/\" class=\"_self pt-cv-href-thumbnail pt-cv-thumb-default\" target=\"_self\" ><\/a>\n<div class=\"pt-cv-taxoterm above_title\"><a href='https:\/\/www.dmsjuridica.com\/buscador_20179478954\/corteconstitucionalcronologico202454587\/category\/buscar-en-toda-la-corte\/1992\/tutelas\/' title='Tutelas 1992' class='pt-cv-tax-tutelas'>Tutelas 1992<\/a><\/div>\n<h4 class=\"pt-cv-title\"><a href=\"https:\/\/www.dmsjuridica.com\/buscador_20179478954\/corteconstitucionalcronologico202454587\/t-486-92\/\" class=\"_self\" target=\"_self\" >T 486 92<\/a><\/h4>\n<div class=\"pt-cv-content\">T-486-92 Sentencia No. T-486\/92 BANCO DE DATOS\/SUPERINTENDENCIA BANCARIA\/COMPETENCIA\/ASOCIACION BANCARIA No es dable la vigilancia por parte de la Superintendencia Bancaria de los bancos de datos, ni de las personas que los administran, pues se trata de personas jur\u00eddicas diferentes a las vigiladas, a las cuales prestan un servicio para la evaluaci\u00f3n del riesgo de su clientela. La Asociaci\u00f3n Bancaria es una organizaci\u00f3n civil de car\u00e1cter gremial sin \u00e1nimo de lucro, diferente a las entidades financieras afiliadas a ella; no compete a la Superintendencia Bancaria su control y por ende no tiene facultades relativas a su creaci\u00f3n o funcionamiento. ACCION DE ...<br \/><div class=\"pt-cv-rmwrap\"><a href=\"https:\/\/www.dmsjuridica.com\/buscador_20179478954\/corteconstitucionalcronologico202454587\/t-486-92\/\" class=\"_self pt-cv-readmore btn btn-success\" target=\"_self\">Ver Sentencia Completa...<\/a><\/div><\/div><\/div><\/div>\n<div class=\"col-md-12 col-sm-12 col-xs-12 pt-cv-content-item pt-cv-1-col\" ><div class='pt-cv-ifield'><a href=\"https:\/\/www.dmsjuridica.com\/buscador_20179478954\/corteconstitucionalcronologico202454587\/t-485-92\/\" class=\"_self pt-cv-href-thumbnail pt-cv-thumb-default\" target=\"_self\" ><\/a>\n<div class=\"pt-cv-taxoterm above_title\"><a href='https:\/\/www.dmsjuridica.com\/buscador_20179478954\/corteconstitucionalcronologico202454587\/category\/buscar-en-toda-la-corte\/1992\/tutelas\/' title='Tutelas 1992' class='pt-cv-tax-tutelas'>Tutelas 1992<\/a><\/div>\n<h4 class=\"pt-cv-title\"><a href=\"https:\/\/www.dmsjuridica.com\/buscador_20179478954\/corteconstitucionalcronologico202454587\/t-485-92\/\" class=\"_self\" target=\"_self\" >T 485 92<\/a><\/h4>\n<div class=\"pt-cv-content\">T-485-92 Sentencia No. T-485\/92 DERECHO A LA PERSONALIDAD JURIDICA\/REGISTRO CIVIL DE NACIMIENTO No debe confundirse el derecho fundamental a la personalidad jur\u00eddica, cuyo contenido, otorga al hombre su condici\u00f3n de ser social, en el nuevo Estado liberal, con los cl\u00e1sicos derechos a la personalidad regulados por el derecho civil y menos a\u00fan con el concepto de personas jur\u00eddicas o fictas que evoca su id\u00e9ntica expresi\u00f3n idiom\u00e1tica. Este derecho fundamental a la personalidad jur\u00eddica que consagr\u00f3 el Constituyente de 1991 es m\u00e1s una declaraci\u00f3n de principio, que acoge a la persona en lugar del individuo, como uno de los fundamentos esenciales ...<br \/><div class=\"pt-cv-rmwrap\"><a href=\"https:\/\/www.dmsjuridica.com\/buscador_20179478954\/corteconstitucionalcronologico202454587\/t-485-92\/\" class=\"_self pt-cv-readmore btn btn-success\" target=\"_self\">Ver Sentencia Completa...<\/a><\/div><\/div><\/div><\/div>\n<div class=\"col-md-12 col-sm-12 col-xs-12 pt-cv-content-item pt-cv-1-col\" ><div class='pt-cv-ifield'><a href=\"https:\/\/www.dmsjuridica.com\/buscador_20179478954\/corteconstitucionalcronologico202454587\/t-484-92\/\" class=\"_self pt-cv-href-thumbnail pt-cv-thumb-default\" target=\"_self\" ><\/a>\n<div class=\"pt-cv-taxoterm above_title\"><a href='https:\/\/www.dmsjuridica.com\/buscador_20179478954\/corteconstitucionalcronologico202454587\/category\/buscar-en-toda-la-corte\/1992\/tutelas\/' title='Tutelas 1992' class='pt-cv-tax-tutelas'>Tutelas 1992<\/a><\/div>\n<h4 class=\"pt-cv-title\"><a href=\"https:\/\/www.dmsjuridica.com\/buscador_20179478954\/corteconstitucionalcronologico202454587\/t-484-92\/\" class=\"_self\" target=\"_self\" >T 484 92<\/a><\/h4>\n<div class=\"pt-cv-content\">T-484-92 Sentencia No. T-484\/92 DERECHO A LA SALUD\/DERECHO A LA VIDA\/DERECHOS FUNDAMENTALES\/ SIDA\/INSTITUTO DE SEGUROS SOCIALES El derecho a la salud conforma, en su naturaleza jur\u00eddica, un conjunto de elementos que pueden agruparse en dos grandes bloques: el primero, que lo identifica como un predicado inmediato del derecho a la vida, de manera que atentar contra la salud de las personas equivale a atentar contra su propia vida. Por estos aspectos, el derecho a la salud resulta un derecho fundamental. El segundo bloque de elementos, sit\u00faa el derecho a la salud con un car\u00e1cter asistencial, ubicado en las referencias funcionales ...<br \/><div class=\"pt-cv-rmwrap\"><a href=\"https:\/\/www.dmsjuridica.com\/buscador_20179478954\/corteconstitucionalcronologico202454587\/t-484-92\/\" class=\"_self pt-cv-readmore btn btn-success\" target=\"_self\">Ver Sentencia Completa...<\/a><\/div><\/div><\/div><\/div>\n<div class=\"col-md-12 col-sm-12 col-xs-12 pt-cv-content-item pt-cv-1-col\" ><div class='pt-cv-ifield'><a href=\"https:\/\/www.dmsjuridica.com\/buscador_20179478954\/corteconstitucionalcronologico202454587\/t-483-92\/\" class=\"_self pt-cv-href-thumbnail pt-cv-thumb-default\" target=\"_self\" ><\/a>\n<div class=\"pt-cv-taxoterm above_title\"><a href='https:\/\/www.dmsjuridica.com\/buscador_20179478954\/corteconstitucionalcronologico202454587\/category\/buscar-en-toda-la-corte\/1992\/tutelas\/' title='Tutelas 1992' class='pt-cv-tax-tutelas'>Tutelas 1992<\/a><\/div>\n<h4 class=\"pt-cv-title\"><a href=\"https:\/\/www.dmsjuridica.com\/buscador_20179478954\/corteconstitucionalcronologico202454587\/t-483-92\/\" class=\"_self\" target=\"_self\" >T 483 92<\/a><\/h4>\n<div class=\"pt-cv-content\">T-483-92 Sentencia No. T-483\/92 DERECHOS FUNDAMENTALES\/ACCION DE TUTELA-Improcedencia\/PRINCIPIO DE SUBSIDIARIEDAD Los derechos que protege la Acci\u00f3n de Tutela, son aquellos que la Constituci\u00f3n considera como fundamentales y excepcionalmente ser\u00e1n cobijados los derechos constitucionales que a pesar de no tener el car\u00e1cter de fundamentales, por su naturaleza en casos concretos, sea posible impedir su vulneraci\u00f3n mediante el procedimiento de la tutela. La ley desarrolla el contenido de los derechos fundamentales consagrados en la Carta Pol\u00edtica. Entonces es preciso concluir que cuando estos derechos de rango legal son un derivado o resultado del derecho fundamental o est\u00e1n vinculados esencialmente a \u00e9l, son ...<br \/><div class=\"pt-cv-rmwrap\"><a href=\"https:\/\/www.dmsjuridica.com\/buscador_20179478954\/corteconstitucionalcronologico202454587\/t-483-92\/\" class=\"_self pt-cv-readmore btn btn-success\" target=\"_self\">Ver Sentencia Completa...<\/a><\/div><\/div><\/div><\/div>\n<div class=\"col-md-12 col-sm-12 col-xs-12 pt-cv-content-item pt-cv-1-col\" ><div class='pt-cv-ifield'><a href=\"https:\/\/www.dmsjuridica.com\/buscador_20179478954\/corteconstitucionalcronologico202454587\/t-482-92\/\" class=\"_self pt-cv-href-thumbnail pt-cv-thumb-default\" target=\"_self\" ><\/a>\n<div class=\"pt-cv-taxoterm above_title\"><a href='https:\/\/www.dmsjuridica.com\/buscador_20179478954\/corteconstitucionalcronologico202454587\/category\/buscar-en-toda-la-corte\/1992\/tutelas\/' title='Tutelas 1992' class='pt-cv-tax-tutelas'>Tutelas 1992<\/a><\/div>\n<h4 class=\"pt-cv-title\"><a href=\"https:\/\/www.dmsjuridica.com\/buscador_20179478954\/corteconstitucionalcronologico202454587\/t-482-92\/\" class=\"_self\" target=\"_self\" >T 482 92<\/a><\/h4>\n<div class=\"pt-cv-content\">T-482-92 Sentencia No. T-482\/92 ACCION DE TUTELA\/TUTELA CONTRA PARTICULARES\/SERVICIO PUBLICO DE EDUCACION La acci\u00f3n de tutela fue instituida como un medio para lograr la protecci\u00f3n de los derechos fundamentales, cuando hayan sido vulnerados o amenazados por las autoridades p\u00fablicas y encomend\u00f3 a la ley regular en qu\u00e9 casos procede contra particulares, entre los cuales, se incluy\u00f3 a los encargados de la prestaci\u00f3n del servicio p\u00fablico de la educaci\u00f3n, de tal manera que la actuaci\u00f3n adelantada por la Corporaci\u00f3n Universitaria de Boyac\u00e1, como instituci\u00f3n no oficial de educaci\u00f3n superior, ser\u00e1 sometida a consideraci\u00f3n por esta Corte. DEBIDO PROCESO En el caso ...<br \/><div class=\"pt-cv-rmwrap\"><a href=\"https:\/\/www.dmsjuridica.com\/buscador_20179478954\/corteconstitucionalcronologico202454587\/t-482-92\/\" class=\"_self pt-cv-readmore btn btn-success\" target=\"_self\">Ver Sentencia Completa...<\/a><\/div><\/div><\/div><\/div>\n<div class=\"col-md-12 col-sm-12 col-xs-12 pt-cv-content-item pt-cv-1-col\" ><div class='pt-cv-ifield'><a href=\"https:\/\/www.dmsjuridica.com\/buscador_20179478954\/corteconstitucionalcronologico202454587\/t-481-92\/\" class=\"_self pt-cv-href-thumbnail pt-cv-thumb-default\" target=\"_self\" ><\/a>\n<div class=\"pt-cv-taxoterm above_title\"><a href='https:\/\/www.dmsjuridica.com\/buscador_20179478954\/corteconstitucionalcronologico202454587\/category\/buscar-en-toda-la-corte\/1992\/tutelas\/' title='Tutelas 1992' class='pt-cv-tax-tutelas'>Tutelas 1992<\/a><\/div>\n<h4 class=\"pt-cv-title\"><a href=\"https:\/\/www.dmsjuridica.com\/buscador_20179478954\/corteconstitucionalcronologico202454587\/t-481-92\/\" class=\"_self\" target=\"_self\" >T 481 92<\/a><\/h4>\n<div class=\"pt-cv-content\">T-481-92 Sentencia No. T-481\/92 DERECHO DE PETICION\/SILENCIO ADMINISTRATIVO NEGATIVO Consiste no simplemente en el derecho de obtener una respuesta por parte de las autoridades sino de que haya una resoluci\u00f3n del asunto solicitado, lo cual si bien no implica que la decisi\u00f3n sea favorable, tampoco se satisface sin que se entre a tomar una posici\u00f3n de fondo, clara y precisa, por el competente; por esto puede decirse tambi\u00e9n que el derecho de petici\u00f3n que la Constituci\u00f3n consagra no queda satisfecho con el silencio administrativo negativo que algunas normas disponen, pues esto es apenas un mecanismo que la ley se ingenia ...<br \/><div class=\"pt-cv-rmwrap\"><a href=\"https:\/\/www.dmsjuridica.com\/buscador_20179478954\/corteconstitucionalcronologico202454587\/t-481-92\/\" class=\"_self pt-cv-readmore btn btn-success\" target=\"_self\">Ver Sentencia Completa...<\/a><\/div><\/div><\/div><\/div>\n<div class=\"col-md-12 col-sm-12 col-xs-12 pt-cv-content-item pt-cv-1-col\" ><div class='pt-cv-ifield'><a href=\"https:\/\/www.dmsjuridica.com\/buscador_20179478954\/corteconstitucionalcronologico202454587\/t-480-92\/\" class=\"_self pt-cv-href-thumbnail pt-cv-thumb-default\" target=\"_self\" ><\/a>\n<div class=\"pt-cv-taxoterm above_title\"><a href='https:\/\/www.dmsjuridica.com\/buscador_20179478954\/corteconstitucionalcronologico202454587\/category\/buscar-en-toda-la-corte\/1992\/tutelas\/' title='Tutelas 1992' class='pt-cv-tax-tutelas'>Tutelas 1992<\/a><\/div>\n<h4 class=\"pt-cv-title\"><a href=\"https:\/\/www.dmsjuridica.com\/buscador_20179478954\/corteconstitucionalcronologico202454587\/t-480-92\/\" class=\"_self\" target=\"_self\" >T 480 92<\/a><\/h4>\n<div class=\"pt-cv-content\">T-480-92 Sentencia No. T-480\/92 DERECHO AL BUEN NOMBRE\/HABEAS DATA\/DERECHO A LA HONRA El derecho al buen nombre que el accionante reclama est\u00e1 instituido como fundamental obliga a todos y en toda clase de relaciones, tanto oficiales como particulares y sean ellas p\u00fablicas o privadas; su respeto, por supuesto, es m\u00e1s exigente y estricto cuando se trata de relaciones o situaciones p\u00fablicas, dado el car\u00e1cter del derecho que se protege, el cual se desenvuelve muy especialmente ante una opini\u00f3n circundante m\u00e1s o menos amplia y comprensiva de una gran variedad de relaciones personales. La honra es, igualmente, un derecho fundamental. Conforme ...<br \/><div class=\"pt-cv-rmwrap\"><a href=\"https:\/\/www.dmsjuridica.com\/buscador_20179478954\/corteconstitucionalcronologico202454587\/t-480-92\/\" class=\"_self pt-cv-readmore btn btn-success\" target=\"_self\">Ver Sentencia Completa...<\/a><\/div><\/div><\/div><\/div>\n<div class=\"col-md-12 col-sm-12 col-xs-12 pt-cv-content-item pt-cv-1-col\" ><div class='pt-cv-ifield'><a href=\"https:\/\/www.dmsjuridica.com\/buscador_20179478954\/corteconstitucionalcronologico202454587\/t-476-92\/\" class=\"_self pt-cv-href-thumbnail pt-cv-thumb-default\" target=\"_self\" ><\/a>\n<div class=\"pt-cv-taxoterm above_title\"><a href='https:\/\/www.dmsjuridica.com\/buscador_20179478954\/corteconstitucionalcronologico202454587\/category\/buscar-en-toda-la-corte\/1992\/tutelas\/' title='Tutelas 1992' class='pt-cv-tax-tutelas'>Tutelas 1992<\/a><\/div>\n<h4 class=\"pt-cv-title\"><a href=\"https:\/\/www.dmsjuridica.com\/buscador_20179478954\/corteconstitucionalcronologico202454587\/t-476-92\/\" class=\"_self\" target=\"_self\" >T 476 92<\/a><\/h4>\n<div class=\"pt-cv-content\">T-476-92 Sentencia No. T-476\/92 ACCION DE TUTELA-Titularidad\/PERSONA JURIDICA Es necesario tutelar los derechos constitucionales fundamentales de las personas jur\u00eddicas, no per se, sino en tanto que son veh\u00edculo para garantizar los derechos constitucionales fundamentales de las personas naturales, en el caso concreto, a criterio razonable del juez de tutela. Para el ejercicio de la acci\u00f3n de tutela, cuando una persona natural act\u00fae a nombre de una jur\u00eddica es necesario acreditar la personer\u00eda correspondiente y su representaci\u00f3n. Las personas jur\u00eddicas son, ciertamente, titulares de la acci\u00f3n de tutela. DERECHO A LA PERSONALIDAD JURIDICA\/ACCION DE TUTELA-Improcedencia El derecho fundamental al reconocimiento de ...<br \/><div class=\"pt-cv-rmwrap\"><a href=\"https:\/\/www.dmsjuridica.com\/buscador_20179478954\/corteconstitucionalcronologico202454587\/t-476-92\/\" class=\"_self pt-cv-readmore btn btn-success\" target=\"_self\">Ver Sentencia Completa...<\/a><\/div><\/div><\/div><\/div>\n<div class=\"col-md-12 col-sm-12 col-xs-12 pt-cv-content-item pt-cv-1-col\" ><div class='pt-cv-ifield'><a href=\"https:\/\/www.dmsjuridica.com\/buscador_20179478954\/corteconstitucionalcronologico202454587\/t-475-92\/\" class=\"_self pt-cv-href-thumbnail pt-cv-thumb-default\" target=\"_self\" ><\/a>\n<div class=\"pt-cv-taxoterm above_title\"><a href='https:\/\/www.dmsjuridica.com\/buscador_20179478954\/corteconstitucionalcronologico202454587\/category\/buscar-en-toda-la-corte\/1992\/tutelas\/' title='Tutelas 1992' class='pt-cv-tax-tutelas'>Tutelas 1992<\/a><\/div>\n<h4 class=\"pt-cv-title\"><a href=\"https:\/\/www.dmsjuridica.com\/buscador_20179478954\/corteconstitucionalcronologico202454587\/t-475-92\/\" class=\"_self\" target=\"_self\" >T 475 92<\/a><\/h4>\n<div class=\"pt-cv-content\">T-475-92 Sentencia T-475\/92 DERECHO AL TRABAJO-Naturaleza El derecho al trabajo, por su parte, garantiza al individuo la posibilidad de ejercer libremente una actividad econ\u00f3mica con miras a asegurar su existencia material en un plano de sociabilidad. No s\u00f3lo la actividad laboral subordinada est\u00e1 protegida por el derecho fundamental al trabajo. El trabajo no subordinado y libre, aquel ejercido de forma independiente por el individuo, est\u00e1 comprendido en el n\u00facleo esencial del derecho al trabajo. La Constituci\u00f3n m\u00e1s que al trabajo como actividad abstracta protege al trabajador y su dignidad. La creciente intervenci\u00f3n del Estado en la esfera de la personalidad, ...<br \/><div class=\"pt-cv-rmwrap\"><a href=\"https:\/\/www.dmsjuridica.com\/buscador_20179478954\/corteconstitucionalcronologico202454587\/t-475-92\/\" class=\"_self pt-cv-readmore btn btn-success\" target=\"_self\">Ver Sentencia Completa...<\/a><\/div><\/div><\/div><\/div>\n<div class=\"col-md-12 col-sm-12 col-xs-12 pt-cv-content-item pt-cv-1-col\" ><div class='pt-cv-ifield'><a href=\"https:\/\/www.dmsjuridica.com\/buscador_20179478954\/corteconstitucionalcronologico202454587\/t-474-92\/\" class=\"_self pt-cv-href-thumbnail pt-cv-thumb-default\" target=\"_self\" ><\/a>\n<div class=\"pt-cv-taxoterm above_title\"><a href='https:\/\/www.dmsjuridica.com\/buscador_20179478954\/corteconstitucionalcronologico202454587\/category\/buscar-en-toda-la-corte\/1992\/tutelas\/' title='Tutelas 1992' class='pt-cv-tax-tutelas'>Tutelas 1992<\/a><\/div>\n<h4 class=\"pt-cv-title\"><a href=\"https:\/\/www.dmsjuridica.com\/buscador_20179478954\/corteconstitucionalcronologico202454587\/t-474-92\/\" class=\"_self\" target=\"_self\" >T 474 92<\/a><\/h4>\n<div class=\"pt-cv-content\">T-474-92 Sentencia No. T-474\/92 DEBIDO PROCESO\/RESOLUCION DE ACUSACION-Circunstancias agravantes La doctrina que no reconoce la obligaci\u00f3n - cuya violaci\u00f3n entra\u00f1a nulidad constitucional - de mencionar expresamente en todos los casos las circunstancias espec\u00edficas de agravaci\u00f3n punitiva en el pliego de cargos, no se ajusta a las previsiones de la Constituci\u00f3n. En atenci\u00f3n a los efectos de un mayor o menor t\u00e9rmino de privaci\u00f3n de la libertad, a la necesidad de una adecuada y expl\u00edcita informaci\u00f3n sobre los cargos que se le imputan a un sindicado para hacer operar en toda su magnitud la presunci\u00f3n de inocencia y a la carga ...<br \/><div class=\"pt-cv-rmwrap\"><a href=\"https:\/\/www.dmsjuridica.com\/buscador_20179478954\/corteconstitucionalcronologico202454587\/t-474-92\/\" class=\"_self pt-cv-readmore btn btn-success\" target=\"_self\">Ver Sentencia Completa...<\/a><\/div><\/div><\/div><\/div>\n<div class=\"col-md-12 col-sm-12 col-xs-12 pt-cv-content-item pt-cv-1-col\" ><div class='pt-cv-ifield'><a href=\"https:\/\/www.dmsjuridica.com\/buscador_20179478954\/corteconstitucionalcronologico202454587\/t-473-92\/\" class=\"_self pt-cv-href-thumbnail pt-cv-thumb-default\" target=\"_self\" ><\/a>\n<div class=\"pt-cv-taxoterm above_title\"><a href='https:\/\/www.dmsjuridica.com\/buscador_20179478954\/corteconstitucionalcronologico202454587\/category\/buscar-en-toda-la-corte\/1992\/tutelas\/' title='Tutelas 1992' class='pt-cv-tax-tutelas'>Tutelas 1992<\/a><\/div>\n<h4 class=\"pt-cv-title\"><a href=\"https:\/\/www.dmsjuridica.com\/buscador_20179478954\/corteconstitucionalcronologico202454587\/t-473-92\/\" class=\"_self\" target=\"_self\" >T 473 92<\/a><\/h4>\n<div class=\"pt-cv-content\">T-473-92 Sentencia No. T-473\/92 DOCUMENTO PUBLICO\/DERECHO DE ACCESO A DOCUMENTOS PUBLICOS\/DERECHO DE PETICION Los funcionarios est\u00e1n autorizados para no permitir el acceso a aquellos documentos cuya consulta o comunicaci\u00f3n pueda atentar contra secretos protegidos por ley, tales como los concernientes a la defensa y seguridad nacionales, a investigaciones relacionadas con infracciones de car\u00e1cter penal, fiscal, aduanero o cambiario as\u00ed como a los secretos comerciales e industriales. El acceso no es tampoco permitido cuando el contenido de los documentos vulnere el derecho a la intimidad. Solo la Carta Fundamental y la ley pueden establecer l\u00edmites al ejercicio de este derecho que, ...<br \/><div class=\"pt-cv-rmwrap\"><a href=\"https:\/\/www.dmsjuridica.com\/buscador_20179478954\/corteconstitucionalcronologico202454587\/t-473-92\/\" class=\"_self pt-cv-readmore btn btn-success\" target=\"_self\">Ver Sentencia Completa...<\/a><\/div><\/div><\/div><\/div>\n<div class=\"col-md-12 col-sm-12 col-xs-12 pt-cv-content-item pt-cv-1-col\" ><div class='pt-cv-ifield'><a href=\"https:\/\/www.dmsjuridica.com\/buscador_20179478954\/corteconstitucionalcronologico202454587\/t-471-92\/\" class=\"_self pt-cv-href-thumbnail pt-cv-thumb-default\" target=\"_self\" ><\/a>\n<div class=\"pt-cv-taxoterm above_title\"><a href='https:\/\/www.dmsjuridica.com\/buscador_20179478954\/corteconstitucionalcronologico202454587\/category\/buscar-en-toda-la-corte\/1992\/tutelas\/' title='Tutelas 1992' class='pt-cv-tax-tutelas'>Tutelas 1992<\/a><\/div>\n<h4 class=\"pt-cv-title\"><a href=\"https:\/\/www.dmsjuridica.com\/buscador_20179478954\/corteconstitucionalcronologico202454587\/t-471-92\/\" class=\"_self\" target=\"_self\" >T 471 92<\/a><\/h4>\n<div class=\"pt-cv-content\">T-471-92 Sentencia No. T-471\/92 DERECHO A LA SEGURIDAD SOCIAL\/DERECHOS FUNDAMENTALES\/DERECHO A LA PENSION DE JUBILACION-Pago oportuno\/DERECHOS DE PERSONA DE LA TERCERA EDAD El derecho a la seguridad social es un derecho fundamental. Y como alternativa de la lucha de la persona por su subsistencia surge el derecho inviolable e irrenunciable a la seguridad social como la garant\u00eda constitucional para que la persona amenazada por alguna enfermedad, accidentada, desprotegida, desempleada o abandonada, tenga acceso a ese derecho y pueda cumplir dentro de los par\u00e1metros de la legalidad sus cometidos como ser social. El derecho pensional es una especie dentro de la ...<br \/><div class=\"pt-cv-rmwrap\"><a href=\"https:\/\/www.dmsjuridica.com\/buscador_20179478954\/corteconstitucionalcronologico202454587\/t-471-92\/\" class=\"_self pt-cv-readmore btn btn-success\" target=\"_self\">Ver Sentencia Completa...<\/a><\/div><\/div><\/div><\/div>\n<div class=\"col-md-12 col-sm-12 col-xs-12 pt-cv-content-item pt-cv-1-col\" ><div class='pt-cv-ifield'><a href=\"https:\/\/www.dmsjuridica.com\/buscador_20179478954\/corteconstitucionalcronologico202454587\/t-470-92\/\" class=\"_self pt-cv-href-thumbnail pt-cv-thumb-default\" target=\"_self\" ><\/a>\n<div class=\"pt-cv-taxoterm above_title\"><a href='https:\/\/www.dmsjuridica.com\/buscador_20179478954\/corteconstitucionalcronologico202454587\/category\/buscar-en-toda-la-corte\/1992\/tutelas\/' title='Tutelas 1992' class='pt-cv-tax-tutelas'>Tutelas 1992<\/a><\/div>\n<h4 class=\"pt-cv-title\"><a href=\"https:\/\/www.dmsjuridica.com\/buscador_20179478954\/corteconstitucionalcronologico202454587\/t-470-92\/\" class=\"_self\" target=\"_self\" >T 470 92<\/a><\/h4>\n<div class=\"pt-cv-content\">T-470-92 Sentencia No. T-470\/92 CONSULTA POPULAR-Ilegalidad\/DERECHO AL BUEN NOMBRE-Vulneraci\u00f3n\/DERECHO A LA HONRA Todo el proceso de formaci\u00f3n y tr\u00e1mite de la consulta popular en cuesti\u00f3n adolece de vicios, por cuanto se omitieron requisitos previstos al efecto por la Ley 42 de l989. Frente al proceso electoral an\u00f3malo como el descrito, tanto los votos emitidos para la construcci\u00f3n de obras p\u00fablicas para la ciudad, como los otros denominados esp\u00fareos y que llamaban a la revocatoria del mandato del Alcalde , est\u00e1n afectados de ilegalidad. Un procedimiento torticero de revocatoria de mandato torna a \u00e9sta ileg\u00edtima y por ello ha de presumirse ...<br \/><div class=\"pt-cv-rmwrap\"><a href=\"https:\/\/www.dmsjuridica.com\/buscador_20179478954\/corteconstitucionalcronologico202454587\/t-470-92\/\" class=\"_self pt-cv-readmore btn btn-success\" target=\"_self\">Ver Sentencia Completa...<\/a><\/div><\/div><\/div><\/div>\n<div class=\"col-md-12 col-sm-12 col-xs-12 pt-cv-content-item pt-cv-1-col\" ><div class='pt-cv-ifield'><a href=\"https:\/\/www.dmsjuridica.com\/buscador_20179478954\/corteconstitucionalcronologico202454587\/t-469-92\/\" class=\"_self pt-cv-href-thumbnail pt-cv-thumb-default\" target=\"_self\" ><\/a>\n<div class=\"pt-cv-taxoterm above_title\"><a href='https:\/\/www.dmsjuridica.com\/buscador_20179478954\/corteconstitucionalcronologico202454587\/category\/buscar-en-toda-la-corte\/1992\/tutelas\/' title='Tutelas 1992' class='pt-cv-tax-tutelas'>Tutelas 1992<\/a><\/div>\n<h4 class=\"pt-cv-title\"><a href=\"https:\/\/www.dmsjuridica.com\/buscador_20179478954\/corteconstitucionalcronologico202454587\/t-469-92\/\" class=\"_self\" target=\"_self\" >T 469 92<\/a><\/h4>\n<div class=\"pt-cv-content\">T-469-92 Sentencia No. T-469\/92 COMPETENCIA DE TUTELA El Juzgado Promiscuo no ha debido abstenerse de conocer de la solicitud de tutela, pues, de un lado, la presunta violaci\u00f3n o amenaza del derecho constitucional ha tenido lugar en dicha localidad y, de otro lado, las resoluciones del Consejo Nacional Electoral son de orden nacional y por tanto pueden ser objeto de acci\u00f3n de tutela en todos los municipios del pa\u00eds. DEMOCRACIA PARTICIPATIVA En la Carta de 1991 se pasa de la democracia representativa a la democracia participativa. Ello implica que los administrados no se limitan a votar cada cierto tiempo sino ...<br \/><div class=\"pt-cv-rmwrap\"><a href=\"https:\/\/www.dmsjuridica.com\/buscador_20179478954\/corteconstitucionalcronologico202454587\/t-469-92\/\" class=\"_self pt-cv-readmore btn btn-success\" target=\"_self\">Ver Sentencia Completa...<\/a><\/div><\/div><\/div><\/div>\n<div class=\"col-md-12 col-sm-12 col-xs-12 pt-cv-content-item pt-cv-1-col\" ><div class='pt-cv-ifield'><a href=\"https:\/\/www.dmsjuridica.com\/buscador_20179478954\/corteconstitucionalcronologico202454587\/t-468-92\/\" class=\"_self pt-cv-href-thumbnail pt-cv-thumb-default\" target=\"_self\" ><\/a>\n<div class=\"pt-cv-taxoterm above_title\"><a href='https:\/\/www.dmsjuridica.com\/buscador_20179478954\/corteconstitucionalcronologico202454587\/category\/buscar-en-toda-la-corte\/1992\/tutelas\/' title='Tutelas 1992' class='pt-cv-tax-tutelas'>Tutelas 1992<\/a><\/div>\n<h4 class=\"pt-cv-title\"><a href=\"https:\/\/www.dmsjuridica.com\/buscador_20179478954\/corteconstitucionalcronologico202454587\/t-468-92\/\" class=\"_self\" target=\"_self\" >T 468 92<\/a><\/h4>\n<div class=\"pt-cv-content\">T-468-92 Sentencia No. T-468\/92 ACCION DE TUTELA-Regulaci\u00f3n Legal El legislador utiliza una doble direcci\u00f3n en el reglamento de la procedibilidad de la acci\u00f3n de tutela, al establecer los casos de \"procedencia\" tanto como los de \"improcedencia\" de la misma. Esta l\u00f3gica reguladora acusa falta de t\u00e9cnica legislativa por cuanto, de alg\u00fan modo es contraria al principio liberal seg\u00fan el cual todo lo que no est\u00e1 prohibido, est\u00e1 permitido. Principio no solo garantizador de la libertad al hacer primar la facultad general sobre la facultad legislativa expresa, sino porque adem\u00e1s, obliga a una interpretaci\u00f3n restrictiva en el accionar de los particulares ...<br \/><div class=\"pt-cv-rmwrap\"><a href=\"https:\/\/www.dmsjuridica.com\/buscador_20179478954\/corteconstitucionalcronologico202454587\/t-468-92\/\" class=\"_self pt-cv-readmore btn btn-success\" target=\"_self\">Ver Sentencia Completa...<\/a><\/div><\/div><\/div><\/div>\n<div class=\"col-md-12 col-sm-12 col-xs-12 pt-cv-content-item pt-cv-1-col\" ><div class='pt-cv-ifield'><a href=\"https:\/\/www.dmsjuridica.com\/buscador_20179478954\/corteconstitucionalcronologico202454587\/t-467-92\/\" class=\"_self pt-cv-href-thumbnail pt-cv-thumb-default\" target=\"_self\" ><\/a>\n<div class=\"pt-cv-taxoterm above_title\"><a href='https:\/\/www.dmsjuridica.com\/buscador_20179478954\/corteconstitucionalcronologico202454587\/category\/buscar-en-toda-la-corte\/1992\/tutelas\/' title='Tutelas 1992' class='pt-cv-tax-tutelas'>Tutelas 1992<\/a><\/div>\n<h4 class=\"pt-cv-title\"><a href=\"https:\/\/www.dmsjuridica.com\/buscador_20179478954\/corteconstitucionalcronologico202454587\/t-467-92\/\" class=\"_self\" target=\"_self\" >T 467 92<\/a><\/h4>\n<div class=\"pt-cv-content\">T-467-92 Sentencia No. T-467\/92 ACCION DE TUTELA-Naturaleza El ejercicio de la citada acci\u00f3n est\u00e1 condicionado, entre otras razones, por la presentaci\u00f3n ante el Juez de una situaci\u00f3n concreta y espec\u00edfica de violaci\u00f3n o amenaza de violaci\u00f3n de los derechos fundamentales, cuya autor\u00eda debe ser atribu\u00edda a cualquier autoridad p\u00fablica o, en ciertos eventos definidos por la ley, a sujetos particulares. Adem\u00e1s, el peticionario debe tener un inter\u00e9s jur\u00eddico y pedir su protecci\u00f3n tambi\u00e9n espec\u00edfica, siempre en ausencia de otro medio judicial de protecci\u00f3n o excepcionalmente, como mecanismo transitorio para evitar un perjuicio irremediable. DERECHO DE ASISTENCIA SOCIAL\/ACCION DE TUTELA-Improcedencia El ...<br \/><div class=\"pt-cv-rmwrap\"><a href=\"https:\/\/www.dmsjuridica.com\/buscador_20179478954\/corteconstitucionalcronologico202454587\/t-467-92\/\" class=\"_self pt-cv-readmore btn btn-success\" target=\"_self\">Ver Sentencia Completa...<\/a><\/div><\/div><\/div><\/div>\n<div class=\"col-md-12 col-sm-12 col-xs-12 pt-cv-content-item pt-cv-1-col\" ><div class='pt-cv-ifield'><a href=\"https:\/\/www.dmsjuridica.com\/buscador_20179478954\/corteconstitucionalcronologico202454587\/t-466-92\/\" class=\"_self pt-cv-href-thumbnail pt-cv-thumb-default\" target=\"_self\" ><\/a>\n<div class=\"pt-cv-taxoterm above_title\"><a href='https:\/\/www.dmsjuridica.com\/buscador_20179478954\/corteconstitucionalcronologico202454587\/category\/buscar-en-toda-la-corte\/1992\/tutelas\/' title='Tutelas 1992' class='pt-cv-tax-tutelas'>Tutelas 1992<\/a><\/div>\n<h4 class=\"pt-cv-title\"><a href=\"https:\/\/www.dmsjuridica.com\/buscador_20179478954\/corteconstitucionalcronologico202454587\/t-466-92\/\" class=\"_self\" target=\"_self\" >T 466 92<\/a><\/h4>\n<div class=\"pt-cv-content\">T-466-92 Sentencia No. T-466\/92 DERECHO A LA RECREACION\/DERECHO A LA TRANQUILIDAD El conflicto entre el derecho a la recreaci\u00f3n y el derecho a la tranquilidad de la comunidad debe ser resuelto, en principio mediante alternativas concretas que permitan la coexistencia y efectividad de ambos derechos. Con todo, cuando el conflicto sea insoluble y los titulares del derecho a la recreaci\u00f3n sean los ni\u00f1os, \u00e9ste habr\u00e1 de prevalecer sobre la tranquilidad, siempre que su ejercicio no est\u00e9 acompa\u00f1ado de abusos objetivamente intolerables, seg\u00fan los usos y costumbres lugare\u00f1os en materia de relaciones de vecindad. REF: EXPEDIENTE T-1835 PETICIONARIO: DIEGO JOSE GARCIA ...<br \/><div class=\"pt-cv-rmwrap\"><a href=\"https:\/\/www.dmsjuridica.com\/buscador_20179478954\/corteconstitucionalcronologico202454587\/t-466-92\/\" class=\"_self pt-cv-readmore btn btn-success\" target=\"_self\">Ver Sentencia Completa...<\/a><\/div><\/div><\/div><\/div>\n<div class=\"col-md-12 col-sm-12 col-xs-12 pt-cv-content-item pt-cv-1-col\" ><div class='pt-cv-ifield'><a href=\"https:\/\/www.dmsjuridica.com\/buscador_20179478954\/corteconstitucionalcronologico202454587\/t-464-92\/\" class=\"_self pt-cv-href-thumbnail pt-cv-thumb-default\" target=\"_self\" ><\/a>\n<div class=\"pt-cv-taxoterm above_title\"><a href='https:\/\/www.dmsjuridica.com\/buscador_20179478954\/corteconstitucionalcronologico202454587\/category\/buscar-en-toda-la-corte\/1992\/tutelas\/' title='Tutelas 1992' class='pt-cv-tax-tutelas'>Tutelas 1992<\/a><\/div>\n<h4 class=\"pt-cv-title\"><a href=\"https:\/\/www.dmsjuridica.com\/buscador_20179478954\/corteconstitucionalcronologico202454587\/t-464-92\/\" class=\"_self\" target=\"_self\" >T 464 92<\/a><\/h4>\n<div class=\"pt-cv-content\">T-464-92 Sentencia No. T-464\/92 DERECHO DE PETICION\/ACCION DE TUTELA\/SILENCIO ADMINISTRATIVO POSITIVO La protecci\u00f3n del derecho de petici\u00f3n puede ser demandada por medio de la acci\u00f3n de tutela, para lo cual es presupuesto indispensable la existencia de actos u omisiones de la autoridad que obstruyan el ejercicio del derecho o no resuelvan oportunamente sobre lo solicitado. No se entiende conculcado cuando la autoridad responde al peticionario, aunque la respuesta sea negativa. El derecho a obtener una pronta resoluci\u00f3n hace parte del n\u00facleo esencial del derecho de petici\u00f3n y de aquel depende la efectividad de este \u00faltimo. El legislador al regular el ...<br \/><div class=\"pt-cv-rmwrap\"><a href=\"https:\/\/www.dmsjuridica.com\/buscador_20179478954\/corteconstitucionalcronologico202454587\/t-464-92\/\" class=\"_self pt-cv-readmore btn btn-success\" target=\"_self\">Ver Sentencia Completa...<\/a><\/div><\/div><\/div><\/div>\n<div class=\"col-md-12 col-sm-12 col-xs-12 pt-cv-content-item pt-cv-1-col\" ><div class='pt-cv-ifield'><a href=\"https:\/\/www.dmsjuridica.com\/buscador_20179478954\/corteconstitucionalcronologico202454587\/t-463-92\/\" class=\"_self pt-cv-href-thumbnail pt-cv-thumb-default\" target=\"_self\" ><\/a>\n<div class=\"pt-cv-taxoterm above_title\"><a href='https:\/\/www.dmsjuridica.com\/buscador_20179478954\/corteconstitucionalcronologico202454587\/category\/buscar-en-toda-la-corte\/1992\/tutelas\/' title='Tutelas 1992' class='pt-cv-tax-tutelas'>Tutelas 1992<\/a><\/div>\n<h4 class=\"pt-cv-title\"><a href=\"https:\/\/www.dmsjuridica.com\/buscador_20179478954\/corteconstitucionalcronologico202454587\/t-463-92\/\" class=\"_self\" target=\"_self\" >T 463 92<\/a><\/h4>\n<div class=\"pt-cv-content\">T-463-92 Sentencia No. T-463\/92 El art\u00edculo 86 de la CP, no est\u00e1 excluyendo a las personas jur\u00eddicas para intentar la acci\u00f3n de tutela, pues el precepto no introduce distinci\u00f3n alguna y, por el contrario, las supone cobijadas por el enunciado derecho cuando de modo gen\u00e9rico contempla la posibilidad de solicitar el amparo por conducto de otro, sin que nada obste dentro del sistema jur\u00eddico colombiano para que una de las especiales de ese g\u00e9nero est\u00e9 conformada precisamente por las personas jur\u00eddicas. Sin embargo, para el ejercicio de la acci\u00f3n de tutela, cuando una persona natural act\u00fae a nombre de una ...<br \/><div class=\"pt-cv-rmwrap\"><a href=\"https:\/\/www.dmsjuridica.com\/buscador_20179478954\/corteconstitucionalcronologico202454587\/t-463-92\/\" class=\"_self pt-cv-readmore btn btn-success\" target=\"_self\">Ver Sentencia Completa...<\/a><\/div><\/div><\/div><\/div>\n<div class=\"col-md-12 col-sm-12 col-xs-12 pt-cv-content-item pt-cv-1-col\" ><div class='pt-cv-ifield'><a href=\"https:\/\/www.dmsjuridica.com\/buscador_20179478954\/corteconstitucionalcronologico202454587\/t-462-92\/\" class=\"_self pt-cv-href-thumbnail pt-cv-thumb-default\" target=\"_self\" ><\/a>\n<div class=\"pt-cv-taxoterm above_title\"><a href='https:\/\/www.dmsjuridica.com\/buscador_20179478954\/corteconstitucionalcronologico202454587\/category\/buscar-en-toda-la-corte\/1992\/tutelas\/' title='Tutelas 1992' class='pt-cv-tax-tutelas'>Tutelas 1992<\/a><\/div>\n<h4 class=\"pt-cv-title\"><a href=\"https:\/\/www.dmsjuridica.com\/buscador_20179478954\/corteconstitucionalcronologico202454587\/t-462-92\/\" class=\"_self\" target=\"_self\" >T 462 92<\/a><\/h4>\n<div class=\"pt-cv-content\">T-462-92 DERECHOS FUNDAMENTALES-Precisi\u00f3n DERECHO AL TRABAJO\/DERECHOS FUNDAMENTALES-Precisi\u00f3n El derecho al trabajo, es decir, el desempe\u00f1o libre de actividad personal leg\u00edtima que entra\u00f1a la obtenci\u00f3n de estipendios econ\u00f3micos que sufragan necesidades de la persona y su n\u00facleo familiar y que debe prestarse en condiciones dignas y justas, pertenece a la categor\u00eda de los derechos fundamentales. El hombre, entonces, como secuela de su libertad individual puede disponer a su arbitrio de sus actividades f\u00edsicas e intelectuales en la escogencia de cualquier ocupaci\u00f3n, arte u oficio, con excepci\u00f3n de las que entra\u00f1en riesgo social. Comprende tanto el trabajo subordinado, esto es la relaci\u00f3n ...<br \/><div class=\"pt-cv-rmwrap\"><a href=\"https:\/\/www.dmsjuridica.com\/buscador_20179478954\/corteconstitucionalcronologico202454587\/t-462-92\/\" class=\"_self pt-cv-readmore btn btn-success\" target=\"_self\">Ver Sentencia Completa...<\/a><\/div><\/div><\/div><\/div>\n<div class=\"col-md-12 col-sm-12 col-xs-12 pt-cv-content-item pt-cv-1-col\" ><div class='pt-cv-ifield'><a href=\"https:\/\/www.dmsjuridica.com\/buscador_20179478954\/corteconstitucionalcronologico202454587\/t-460-92\/\" class=\"_self pt-cv-href-thumbnail pt-cv-thumb-default\" target=\"_self\" ><\/a>\n<div class=\"pt-cv-taxoterm above_title\"><a href='https:\/\/www.dmsjuridica.com\/buscador_20179478954\/corteconstitucionalcronologico202454587\/category\/buscar-en-toda-la-corte\/1992\/tutelas\/' title='Tutelas 1992' class='pt-cv-tax-tutelas'>Tutelas 1992<\/a><\/div>\n<h4 class=\"pt-cv-title\"><a href=\"https:\/\/www.dmsjuridica.com\/buscador_20179478954\/corteconstitucionalcronologico202454587\/t-460-92\/\" class=\"_self\" target=\"_self\" >T 460 92<\/a><\/h4>\n<div class=\"pt-cv-content\">T-460-92 Sentencia No. T-460\/92 ACCION DE TUTELA-Titularidad\/PERSONA JURIDICA El art\u00edculo 86 de la Constituci\u00f3n Pol\u00edtica no establece distinciones entre quienes pueden acudir a este instrumento de protecci\u00f3n de los derechos fundamentales y que, adem\u00e1s, varios de tales derechos, dos de los cuales son precisamente el del debido proceso y el de propiedad, son susceptibles de violaci\u00f3n o amenaza en perjuicio de personas jur\u00eddicas sin que aparezca motivo justificable para introducir discriminaci\u00f3n en su contra. ACCION DE TUTELA-Improcedencia\/PERJUICIO IRREMEDIABLE-Improcedencia Existiendo otro medio de defensa judicial, en principio no era la tutela el mecanismo adecuado a la protecci\u00f3n de los intereses de ...<br \/><div class=\"pt-cv-rmwrap\"><a href=\"https:\/\/www.dmsjuridica.com\/buscador_20179478954\/corteconstitucionalcronologico202454587\/t-460-92\/\" class=\"_self pt-cv-readmore btn btn-success\" target=\"_self\">Ver Sentencia Completa...<\/a><\/div><\/div><\/div><\/div>\n<div class=\"col-md-12 col-sm-12 col-xs-12 pt-cv-content-item pt-cv-1-col\" ><div class='pt-cv-ifield'><a href=\"https:\/\/www.dmsjuridica.com\/buscador_20179478954\/corteconstitucionalcronologico202454587\/t-459-92\/\" class=\"_self pt-cv-href-thumbnail pt-cv-thumb-default\" target=\"_self\" ><\/a>\n<div class=\"pt-cv-taxoterm above_title\"><a href='https:\/\/www.dmsjuridica.com\/buscador_20179478954\/corteconstitucionalcronologico202454587\/category\/buscar-en-toda-la-corte\/1992\/tutelas\/' title='Tutelas 1992' class='pt-cv-tax-tutelas'>Tutelas 1992<\/a><\/div>\n<h4 class=\"pt-cv-title\"><a href=\"https:\/\/www.dmsjuridica.com\/buscador_20179478954\/corteconstitucionalcronologico202454587\/t-459-92\/\" class=\"_self\" target=\"_self\" >T 459 92<\/a><\/h4>\n<div class=\"pt-cv-content\">T-459-92 Sentencia No. T-459\/92 ACCION DE TUTELA-Tr\u00e1mite Preferencial\/EMPLEADO PUBLICO-Obligaciones La obligaci\u00f3n de dar tr\u00e1mite urgente a las acciones de tutela no cobija tan solo a los jueces, quienes gozan del perentorio t\u00e9rmino en referencia para proferir el fallo, sino que se extiende a los funcionarios y organismos administrativos que por cualquier raz\u00f3n deban intermediar en la tramitaci\u00f3n de la demanda o en la pr\u00e1ctica de las pruebas ordenadas por el juez, ya que el objetivo de la normativa constitucional, es la protecci\u00f3n inmediata y eficaz de los derechos mediante un procedimiento preferente y sumario. As\u00ed, en casos como el que ...<br \/><div class=\"pt-cv-rmwrap\"><a href=\"https:\/\/www.dmsjuridica.com\/buscador_20179478954\/corteconstitucionalcronologico202454587\/t-459-92\/\" class=\"_self pt-cv-readmore btn btn-success\" target=\"_self\">Ver Sentencia Completa...<\/a><\/div><\/div><\/div><\/div>\n<div class=\"col-md-12 col-sm-12 col-xs-12 pt-cv-content-item pt-cv-1-col\" ><div class='pt-cv-ifield'><a href=\"https:\/\/www.dmsjuridica.com\/buscador_20179478954\/corteconstitucionalcronologico202454587\/t-458-92\/\" class=\"_self pt-cv-href-thumbnail pt-cv-thumb-default\" target=\"_self\" ><\/a>\n<div class=\"pt-cv-taxoterm above_title\"><a href='https:\/\/www.dmsjuridica.com\/buscador_20179478954\/corteconstitucionalcronologico202454587\/category\/buscar-en-toda-la-corte\/1992\/tutelas\/' title='Tutelas 1992' class='pt-cv-tax-tutelas'>Tutelas 1992<\/a><\/div>\n<h4 class=\"pt-cv-title\"><a href=\"https:\/\/www.dmsjuridica.com\/buscador_20179478954\/corteconstitucionalcronologico202454587\/t-458-92\/\" class=\"_self\" target=\"_self\" >T 458 92<\/a><\/h4>\n<div class=\"pt-cv-content\">T-458-92 Sentencia No. T-458\/92 COMPETENCIA DE TUTELA\/PRINCIPIO DE LA DOBLE INSTANCIA Si bien conforme a la reglamentaci\u00f3n legal, es posible para el accionante escoger ad libitum el juez de primera instancia para presentar su petici\u00f3n, es menester que la autoridad elegida tenga jurisdicci\u00f3n en el lugar donde se produjo el acto u omisi\u00f3n lesivo del derecho fundamental. Determinada la competencia para el tr\u00e1mite de la tutela en la ley, dicha regulaci\u00f3n es de observancia obligatoria para el juez, por ser elemento constitutivo del debido proceso que debe regir, sin excepci\u00f3n, todas las actuaciones judiciales. La acci\u00f3n de tutela para reclamar ...<br \/><div class=\"pt-cv-rmwrap\"><a href=\"https:\/\/www.dmsjuridica.com\/buscador_20179478954\/corteconstitucionalcronologico202454587\/t-458-92\/\" class=\"_self pt-cv-readmore btn btn-success\" target=\"_self\">Ver Sentencia Completa...<\/a><\/div><\/div><\/div><\/div>\n<div class=\"col-md-12 col-sm-12 col-xs-12 pt-cv-content-item pt-cv-1-col\" ><div class='pt-cv-ifield'><a href=\"https:\/\/www.dmsjuridica.com\/buscador_20179478954\/corteconstitucionalcronologico202454587\/t-457-92\/\" class=\"_self pt-cv-href-thumbnail pt-cv-thumb-default\" target=\"_self\" ><\/a>\n<div class=\"pt-cv-taxoterm above_title\"><a href='https:\/\/www.dmsjuridica.com\/buscador_20179478954\/corteconstitucionalcronologico202454587\/category\/buscar-en-toda-la-corte\/1992\/tutelas\/' title='Tutelas 1992' class='pt-cv-tax-tutelas'>Tutelas 1992<\/a><\/div>\n<h4 class=\"pt-cv-title\"><a href=\"https:\/\/www.dmsjuridica.com\/buscador_20179478954\/corteconstitucionalcronologico202454587\/t-457-92\/\" class=\"_self\" target=\"_self\" >T 457 92<\/a><\/h4>\n<div class=\"pt-cv-content\">T-457-92 Sentencia No. T-457\/92 FUNCION PUBLICA\/CARGAS PUBLICAS-Diferencias El funcionario tiene el derecho de conocer desde el inicio las condiciones en las que ha de desarrollar su actividad decidiendo libremente si desea o no aceptar el cargo para el cual ha sido designado; por supuesto, no le es dado discutir las condiciones de su ejercicio, pues ellas est\u00e1n establecidas en la ley. Aqu\u00ed no prima la voluntad de la administraci\u00f3n porque no estamos frente a una carga p\u00fablica sino ante una funci\u00f3n p\u00fablica. Tales modalidades se diferencian en sus implicaciones: en la primera -la carga p\u00fablica- la administraci\u00f3n unilateralmente impone a ...<br \/><div class=\"pt-cv-rmwrap\"><a href=\"https:\/\/www.dmsjuridica.com\/buscador_20179478954\/corteconstitucionalcronologico202454587\/t-457-92\/\" class=\"_self pt-cv-readmore btn btn-success\" target=\"_self\">Ver Sentencia Completa...<\/a><\/div><\/div><\/div><\/div>\n<div class=\"col-md-12 col-sm-12 col-xs-12 pt-cv-content-item pt-cv-1-col\" ><div class='pt-cv-ifield'><a href=\"https:\/\/www.dmsjuridica.com\/buscador_20179478954\/corteconstitucionalcronologico202454587\/t-456-92\/\" class=\"_self pt-cv-href-thumbnail pt-cv-thumb-default\" target=\"_self\" ><\/a>\n<div class=\"pt-cv-taxoterm above_title\"><a href='https:\/\/www.dmsjuridica.com\/buscador_20179478954\/corteconstitucionalcronologico202454587\/category\/buscar-en-toda-la-corte\/1992\/tutelas\/' title='Tutelas 1992' class='pt-cv-tax-tutelas'>Tutelas 1992<\/a><\/div>\n<h4 class=\"pt-cv-title\"><a href=\"https:\/\/www.dmsjuridica.com\/buscador_20179478954\/corteconstitucionalcronologico202454587\/t-456-92\/\" class=\"_self\" target=\"_self\" >T 456 92<\/a><\/h4>\n<div class=\"pt-cv-content\">T-456-92 Sentencia No. T-456\/92 DERECHO DE REUNION\/DERECHO DE HUELGA En adelante, s\u00f3lo el legislador podr\u00e1 establecer los casos en los cuales puede limitarse el ejercicio del derecho de reuni\u00f3n y manifestaci\u00f3n. Como la Constituci\u00f3n no determin\u00f3 en forma expresa los valores o derechos que deben protegerse para justificar las limitaciones al derecho de reuni\u00f3n y manifestaci\u00f3n, sino que otorg\u00f3 una facultad general al legislador para determinar los casos en los cuales se puede limitar su ejercicio, ser\u00e1 tarea de los jueces estudiar las limitaciones constitucionalmente aceptables, mediante la creaci\u00f3n de f\u00f3rmulas de equilibrio que permitan conciliar el libre ejercicio del ...<br \/><div class=\"pt-cv-rmwrap\"><a href=\"https:\/\/www.dmsjuridica.com\/buscador_20179478954\/corteconstitucionalcronologico202454587\/t-456-92\/\" class=\"_self pt-cv-readmore btn btn-success\" target=\"_self\">Ver Sentencia Completa...<\/a><\/div><\/div><\/div><\/div>\n<div class=\"col-md-12 col-sm-12 col-xs-12 pt-cv-content-item pt-cv-1-col\" ><div class='pt-cv-ifield'><a href=\"https:\/\/www.dmsjuridica.com\/buscador_20179478954\/corteconstitucionalcronologico202454587\/t-455-92\/\" class=\"_self pt-cv-href-thumbnail pt-cv-thumb-default\" target=\"_self\" ><\/a>\n<div class=\"pt-cv-taxoterm above_title\"><a href='https:\/\/www.dmsjuridica.com\/buscador_20179478954\/corteconstitucionalcronologico202454587\/category\/buscar-en-toda-la-corte\/1992\/tutelas\/' title='Tutelas 1992' class='pt-cv-tax-tutelas'>Tutelas 1992<\/a><\/div>\n<h4 class=\"pt-cv-title\"><a href=\"https:\/\/www.dmsjuridica.com\/buscador_20179478954\/corteconstitucionalcronologico202454587\/t-455-92\/\" class=\"_self\" target=\"_self\" >T 455 92<\/a><\/h4>\n<div class=\"pt-cv-content\">T-455-92 Sentencia No. T-455\/92 ACCION DE TUTELA-Titularidad\/LEGITIMACION EN LA CAUSA Es titular de la acci\u00f3n de tutela, la persona a quien se le han vulnerado o puesto en peligro de quebranto sus derechos, en este caso, a la libertad f\u00edsica. Por consiguiente, es ella quien puede acudir ante los jueces, seg\u00fan las reglas de competencia, para que se restablezca su derecho o cesen las amenazas que pesan sobre \u00e9l. Tuvo raz\u00f3n la juez cuando deneg\u00f3 la tutela y la apelaci\u00f3n por falta de legitimidad en los solicitantes quienes actuaron en defensa de los derechos de un menor, pues \u00e9sta afirmaci\u00f3n ...<br \/><div class=\"pt-cv-rmwrap\"><a href=\"https:\/\/www.dmsjuridica.com\/buscador_20179478954\/corteconstitucionalcronologico202454587\/t-455-92\/\" class=\"_self pt-cv-readmore btn btn-success\" target=\"_self\">Ver Sentencia Completa...<\/a><\/div><\/div><\/div><\/div>\n<div class=\"col-md-12 col-sm-12 col-xs-12 pt-cv-content-item pt-cv-1-col\" ><div class='pt-cv-ifield'><a href=\"https:\/\/www.dmsjuridica.com\/buscador_20179478954\/corteconstitucionalcronologico202454587\/t-454-92\/\" class=\"_self pt-cv-href-thumbnail pt-cv-thumb-default\" target=\"_self\" ><\/a>\n<div class=\"pt-cv-taxoterm above_title\"><a href='https:\/\/www.dmsjuridica.com\/buscador_20179478954\/corteconstitucionalcronologico202454587\/category\/buscar-en-toda-la-corte\/1992\/tutelas\/' title='Tutelas 1992' class='pt-cv-tax-tutelas'>Tutelas 1992<\/a><\/div>\n<h4 class=\"pt-cv-title\"><a href=\"https:\/\/www.dmsjuridica.com\/buscador_20179478954\/corteconstitucionalcronologico202454587\/t-454-92\/\" class=\"_self\" target=\"_self\" >T 454 92<\/a><\/h4>\n<div class=\"pt-cv-content\">T-454-92 Sentencia No. T-454\/92 DERECHO AL TRABAJO\/PERSONAL MILITAR\/ASIGNACION DE RETIRO-Deducciones Toda disminuci\u00f3n ileg\u00edtima de una asignaci\u00f3n de retiro es un atentado contra el derecho al trabajo, el cual en su calidad o modalidad de remunerado, tiene especial protecci\u00f3n constitucional, pues la retribuci\u00f3n que se recibe, as\u00ed sea por inactividad causada, est\u00e1 inescindiblemente unida al trabajo que la persona realiz\u00f3 y es un efecto intocable de la situaci\u00f3n. Las deducciones practicadas tienen su causa exclusiva en la afiliaci\u00f3n del solicitante a las entidades beneficiarias y que el derecho a la libre asociaci\u00f3n que la Constituci\u00f3n consagra, conlleva al derecho irrenunciable a ...<br \/><div class=\"pt-cv-rmwrap\"><a href=\"https:\/\/www.dmsjuridica.com\/buscador_20179478954\/corteconstitucionalcronologico202454587\/t-454-92\/\" class=\"_self pt-cv-readmore btn btn-success\" target=\"_self\">Ver Sentencia Completa...<\/a><\/div><\/div><\/div><\/div>\n<div class=\"col-md-12 col-sm-12 col-xs-12 pt-cv-content-item pt-cv-1-col\" ><div class='pt-cv-ifield'><a href=\"https:\/\/www.dmsjuridica.com\/buscador_20179478954\/corteconstitucionalcronologico202454587\/t-453-92\/\" class=\"_self pt-cv-href-thumbnail pt-cv-thumb-default\" target=\"_self\" ><\/a>\n<div class=\"pt-cv-taxoterm above_title\"><a href='https:\/\/www.dmsjuridica.com\/buscador_20179478954\/corteconstitucionalcronologico202454587\/category\/buscar-en-toda-la-corte\/1992\/tutelas\/' title='Tutelas 1992' class='pt-cv-tax-tutelas'>Tutelas 1992<\/a><\/div>\n<h4 class=\"pt-cv-title\"><a href=\"https:\/\/www.dmsjuridica.com\/buscador_20179478954\/corteconstitucionalcronologico202454587\/t-453-92\/\" class=\"_self\" target=\"_self\" >T 453 92<\/a><\/h4>\n<div class=\"pt-cv-content\">T-453-92 Sentencia No. T-453\/92 ACCION DE TUTELA-Alcance\/PRINCIPIO DE SUBSIDIARIEDAD\/JUEZ DE TUTELA-Deberes La acci\u00f3n de tutela no es un instrumento alternativo o sustitutivo de las acciones ordinarias que la Constituci\u00f3n y la ley asignan a las distintas jurisdicciones, seg\u00fan su especialidad, para que ellas dentro de sus competencias definan si se han violado los derechos y resuelvan lo pertinente al caso, a fin de que cese la violaci\u00f3n y aquellos se restablezcan. No obstante que la acci\u00f3n de tutela tampoco tiene el prop\u00f3sito de instruir a los apoderados judiciales sobre cu\u00e1l es la acci\u00f3n procedente para atender los pleitos confiados a ...<br \/><div class=\"pt-cv-rmwrap\"><a href=\"https:\/\/www.dmsjuridica.com\/buscador_20179478954\/corteconstitucionalcronologico202454587\/t-453-92\/\" class=\"_self pt-cv-readmore btn btn-success\" target=\"_self\">Ver Sentencia Completa...<\/a><\/div><\/div><\/div><\/div>\n<div class=\"col-md-12 col-sm-12 col-xs-12 pt-cv-content-item pt-cv-1-col\" ><div class='pt-cv-ifield'><a href=\"https:\/\/www.dmsjuridica.com\/buscador_20179478954\/corteconstitucionalcronologico202454587\/t-452-92\/\" class=\"_self pt-cv-href-thumbnail pt-cv-thumb-default\" target=\"_self\" ><\/a>\n<div class=\"pt-cv-taxoterm above_title\"><a href='https:\/\/www.dmsjuridica.com\/buscador_20179478954\/corteconstitucionalcronologico202454587\/category\/buscar-en-toda-la-corte\/1992\/tutelas\/' title='Tutelas 1992' class='pt-cv-tax-tutelas'>Tutelas 1992<\/a><\/div>\n<h4 class=\"pt-cv-title\"><a href=\"https:\/\/www.dmsjuridica.com\/buscador_20179478954\/corteconstitucionalcronologico202454587\/t-452-92\/\" class=\"_self\" target=\"_self\" >T 452 92<\/a><\/h4>\n<div class=\"pt-cv-content\">T-452-92 Sentencia No. T-452 DERECHO A LA VIDA\/DERECHOS FUNDAMENTALES El primero de los Derechos Fundamentales es el derecho a la vida. Es un derecho inherente al individuo, lo que se pone de presente en el hecho de que s\u00f3lo hay que existir para ser titular del mismo. De otra parte, se tiene que no se puede ser titular de derechos sin la vida presente, pasada o futura. As\u00ed, resulta la vida un presupuesto para el ejercicio de los dem\u00e1s derechos. La obligaci\u00f3n del int\u00e9rprete en la acci\u00f3n de tutela de definir la expresi\u00f3n del derecho a la vida en cuanto ...<br \/><div class=\"pt-cv-rmwrap\"><a href=\"https:\/\/www.dmsjuridica.com\/buscador_20179478954\/corteconstitucionalcronologico202454587\/t-452-92\/\" class=\"_self pt-cv-readmore btn btn-success\" target=\"_self\">Ver Sentencia Completa...<\/a><\/div><\/div><\/div><\/div>\n<div class=\"col-md-12 col-sm-12 col-xs-12 pt-cv-content-item pt-cv-1-col\" ><div class='pt-cv-ifield'><a href=\"https:\/\/www.dmsjuridica.com\/buscador_20179478954\/corteconstitucionalcronologico202454587\/t-451-92\/\" class=\"_self pt-cv-href-thumbnail pt-cv-thumb-default\" target=\"_self\" ><\/a>\n<div class=\"pt-cv-taxoterm above_title\"><a href='https:\/\/www.dmsjuridica.com\/buscador_20179478954\/corteconstitucionalcronologico202454587\/category\/buscar-en-toda-la-corte\/1992\/tutelas\/' title='Tutelas 1992' class='pt-cv-tax-tutelas'>Tutelas 1992<\/a><\/div>\n<h4 class=\"pt-cv-title\"><a href=\"https:\/\/www.dmsjuridica.com\/buscador_20179478954\/corteconstitucionalcronologico202454587\/t-451-92\/\" class=\"_self\" target=\"_self\" >T 451 92<\/a><\/h4>\n<div class=\"pt-cv-content\">T-451-92 Sentencia No. T-451\/92 DERECHOS FUNDAMENTALES-Interpretaci\u00f3n\/DEMANDA DE TUTELA-Rechazo El car\u00e1cter fundamental de un derecho no se puede determinar sino en cada caso concreto, atendiendo tanto la voluntad expresa del constituyente como la conexidad o relaci\u00f3n que en dicho caso tenga el derecho eventualmente vulnerado con otros derechos indubitablemente fundamentales y\/o con los principios y valores que informan toda la Constituci\u00f3n. De tal manera que el juez no puede rechazar \"in-limine\" la tutela con el argumento de que el derecho no es fundamental, pues es indispensable hacer previamente un an\u00e1lisis concreto para establecer con suficientes elementos de juicio su car\u00e1cter de ...<br \/><div class=\"pt-cv-rmwrap\"><a href=\"https:\/\/www.dmsjuridica.com\/buscador_20179478954\/corteconstitucionalcronologico202454587\/t-451-92\/\" class=\"_self pt-cv-readmore btn btn-success\" target=\"_self\">Ver Sentencia Completa...<\/a><\/div><\/div><\/div><\/div>\n<div class=\"col-md-12 col-sm-12 col-xs-12 pt-cv-content-item pt-cv-1-col\" ><div class='pt-cv-ifield'><a href=\"https:\/\/www.dmsjuridica.com\/buscador_20179478954\/corteconstitucionalcronologico202454587\/t-450-92\/\" class=\"_self pt-cv-href-thumbnail pt-cv-thumb-default\" target=\"_self\" ><\/a>\n<div class=\"pt-cv-taxoterm above_title\"><a href='https:\/\/www.dmsjuridica.com\/buscador_20179478954\/corteconstitucionalcronologico202454587\/category\/buscar-en-toda-la-corte\/1992\/tutelas\/' title='Tutelas 1992' class='pt-cv-tax-tutelas'>Tutelas 1992<\/a><\/div>\n<h4 class=\"pt-cv-title\"><a href=\"https:\/\/www.dmsjuridica.com\/buscador_20179478954\/corteconstitucionalcronologico202454587\/t-450-92\/\" class=\"_self\" target=\"_self\" >T 450 92<\/a><\/h4>\n<div class=\"pt-cv-content\">T-450-92 Sentencia No. T-450\/92 DERECHO A LA EDUCACION-Contenido\/DERECHOS DEL NI\u00d1O Se prohija la doctrina constitucional que reconoce la educaci\u00f3n como un derecho fundamental, con la consecuencia de su exigibilidad ante el Estado o los particulares que prestan este servicio p\u00fablico (derecho p\u00fablico subjetivo), as\u00ed como su aptitud para ser protegido de forma inmediata a trav\u00e9s del ejercicio de la acci\u00f3n de tutela. El derecho a la educaci\u00f3n supone la existencia de los derechos al acceso y a la permanencia en el sistema educativo. El contenido esencial del derecho a la educaci\u00f3n se ve vulnerado, y es por tanto tutelable, cuando ...<br \/><div class=\"pt-cv-rmwrap\"><a href=\"https:\/\/www.dmsjuridica.com\/buscador_20179478954\/corteconstitucionalcronologico202454587\/t-450-92\/\" class=\"_self pt-cv-readmore btn btn-success\" target=\"_self\">Ver Sentencia Completa...<\/a><\/div><\/div><\/div><\/div>\n<div class=\"col-md-12 col-sm-12 col-xs-12 pt-cv-content-item pt-cv-1-col\" ><div class='pt-cv-ifield'><a href=\"https:\/\/www.dmsjuridica.com\/buscador_20179478954\/corteconstitucionalcronologico202454587\/t-446-92\/\" class=\"_self pt-cv-href-thumbnail pt-cv-thumb-default\" target=\"_self\" ><\/a>\n<div class=\"pt-cv-taxoterm above_title\"><a href='https:\/\/www.dmsjuridica.com\/buscador_20179478954\/corteconstitucionalcronologico202454587\/category\/buscar-en-toda-la-corte\/1992\/tutelas\/' title='Tutelas 1992' class='pt-cv-tax-tutelas'>Tutelas 1992<\/a><\/div>\n<h4 class=\"pt-cv-title\"><a href=\"https:\/\/www.dmsjuridica.com\/buscador_20179478954\/corteconstitucionalcronologico202454587\/t-446-92\/\" class=\"_self\" target=\"_self\" >T 446 92<\/a><\/h4>\n<div class=\"pt-cv-content\">T-446-92 Sentencia No. T-446\/92 DERECHO AL TRABAJO-L\u00edmites\/EJERCICIO DE PROFESION El que la Carta Fundamental asegure el derecho al trabajo dentro de la esfera de los derechos constitucionales de la persona y por tanto le de el status de Derecho constitucional fundamental, no significa que pueda ejercerse en todo momento, lugar y oportunidad con independencia de condiciones personales objetivas y de materia. Obviamente, tanto los disposiciones legales como los l\u00edmites contractuales y reglamentarios no pueden llegar a suprimir el n\u00facleo esencial del derecho mismo radicado en una persona o en un grupo de personas con base en odiosas y ofensivas causas ...<br \/><div class=\"pt-cv-rmwrap\"><a href=\"https:\/\/www.dmsjuridica.com\/buscador_20179478954\/corteconstitucionalcronologico202454587\/t-446-92\/\" class=\"_self pt-cv-readmore btn btn-success\" target=\"_self\">Ver Sentencia Completa...<\/a><\/div><\/div><\/div><\/div>\n<div class=\"col-md-12 col-sm-12 col-xs-12 pt-cv-content-item pt-cv-1-col\" ><div class='pt-cv-ifield'><a href=\"https:\/\/www.dmsjuridica.com\/buscador_20179478954\/corteconstitucionalcronologico202454587\/t-445-92\/\" class=\"_self pt-cv-href-thumbnail pt-cv-thumb-default\" target=\"_self\" ><\/a>\n<div class=\"pt-cv-taxoterm above_title\"><a href='https:\/\/www.dmsjuridica.com\/buscador_20179478954\/corteconstitucionalcronologico202454587\/category\/buscar-en-toda-la-corte\/1992\/tutelas\/' title='Tutelas 1992' class='pt-cv-tax-tutelas'>Tutelas 1992<\/a><\/div>\n<h4 class=\"pt-cv-title\"><a href=\"https:\/\/www.dmsjuridica.com\/buscador_20179478954\/corteconstitucionalcronologico202454587\/t-445-92\/\" class=\"_self\" target=\"_self\" >T 445 92<\/a><\/h4>\n<div class=\"pt-cv-content\">T-445-92 Sentencia No. T-445\/92 DEBIDO PROCESO\/RECUSACION\/IMPEDIMENTO El debido proceso entendido como el conjunto de tr\u00e1mites y formas que rigen la instrucci\u00f3n y resoluci\u00f3n de una causa, en cualesquiera de las jurisdicciones, es garant\u00eda para la debida protecci\u00f3n y el reconocimiento de los derechos de las personas. Dentro de este entendido se ha previsto una serie de garant\u00edas de independencia y ecuanimidad para quienes tienen como misi\u00f3n la administraci\u00f3n de justicia. Consciente el legislador de la naturaleza humana de quienes administran justicia y con el fin de que los jueces sean imparciales, ha establecido una gama de causales que, de existir, ...<br \/><div class=\"pt-cv-rmwrap\"><a href=\"https:\/\/www.dmsjuridica.com\/buscador_20179478954\/corteconstitucionalcronologico202454587\/t-445-92\/\" class=\"_self pt-cv-readmore btn btn-success\" target=\"_self\">Ver Sentencia Completa...<\/a><\/div><\/div><\/div><\/div>\n<div class=\"col-md-12 col-sm-12 col-xs-12 pt-cv-content-item pt-cv-1-col\" ><div class='pt-cv-ifield'><a href=\"https:\/\/www.dmsjuridica.com\/buscador_20179478954\/corteconstitucionalcronologico202454587\/t-444-92\/\" class=\"_self pt-cv-href-thumbnail pt-cv-thumb-default\" target=\"_self\" ><\/a>\n<div class=\"pt-cv-taxoterm above_title\"><a href='https:\/\/www.dmsjuridica.com\/buscador_20179478954\/corteconstitucionalcronologico202454587\/category\/buscar-en-toda-la-corte\/1992\/tutelas\/' title='Tutelas 1992' class='pt-cv-tax-tutelas'>Tutelas 1992<\/a><\/div>\n<h4 class=\"pt-cv-title\"><a href=\"https:\/\/www.dmsjuridica.com\/buscador_20179478954\/corteconstitucionalcronologico202454587\/t-444-92\/\" class=\"_self\" target=\"_self\" >T 444 92<\/a><\/h4>\n<div class=\"pt-cv-content\">T-444-92 Sentencia No. T-444\/92 DERECHO A LA INTIMIDAD PERSONAL Y FAMILIAR\/HABEAS DATA-Alcance El habeas data, es el derecho de obtener informaci\u00f3n personal que se encuentre en archivos o bases de datos. Este derecho implica la posibilidad de ser informado acerca de los datos registrados sobre s\u00ed mismo y la facultad de corregirlos. Con este derecho se pretende proteger la intimidad de las personas ante la creciente utilizaci\u00f3n de informaci\u00f3n personal por parte de la administraci\u00f3n p\u00fablica, de entidades financieras, educativas, profesionales u otras organizaciones privadas. Lo importante es que las personas no pierdan el control sobre la propia informaci\u00f3n, as\u00ed ...<br \/><div class=\"pt-cv-rmwrap\"><a href=\"https:\/\/www.dmsjuridica.com\/buscador_20179478954\/corteconstitucionalcronologico202454587\/t-444-92\/\" class=\"_self pt-cv-readmore btn btn-success\" target=\"_self\">Ver Sentencia Completa...<\/a><\/div><\/div><\/div><\/div>\n<div class=\"col-md-12 col-sm-12 col-xs-12 pt-cv-content-item pt-cv-1-col\" ><div class='pt-cv-ifield'><a href=\"https:\/\/www.dmsjuridica.com\/buscador_20179478954\/corteconstitucionalcronologico202454587\/t-443-92\/\" class=\"_self pt-cv-href-thumbnail pt-cv-thumb-default\" target=\"_self\" ><\/a>\n<div class=\"pt-cv-taxoterm above_title\"><a href='https:\/\/www.dmsjuridica.com\/buscador_20179478954\/corteconstitucionalcronologico202454587\/category\/buscar-en-toda-la-corte\/1992\/tutelas\/' title='Tutelas 1992' class='pt-cv-tax-tutelas'>Tutelas 1992<\/a><\/div>\n<h4 class=\"pt-cv-title\"><a href=\"https:\/\/www.dmsjuridica.com\/buscador_20179478954\/corteconstitucionalcronologico202454587\/t-443-92\/\" class=\"_self\" target=\"_self\" >T 443 92<\/a><\/h4>\n<div class=\"pt-cv-content\">T-443-92 Sentencia No. T-443\/92 ACCION DE TUTELA-Titularidad\/PERSONA JURIDICA\/SINDICATO La acci\u00f3n de tutela no puede entenderse como una figura ajena al sistema jur\u00eddico fundado en la Constituci\u00f3n y, por el contrario, debe ser concebida con criterio teleol\u00f3gico, es decir, como instrumento al servicio de los fines que persiguen la organizaci\u00f3n pol\u00edtica y el ordenamiento fundamental, uno de los cuales radica en la eficacia de las normas superiores que reconocen los derechos esenciales de la persona. El art. 86 de la CP. no est\u00e1 excluyendo a las personas jur\u00eddicas, pues el precepto no introduce distinci\u00f3n alguna y, por el contrario, las supone ...<br \/><div class=\"pt-cv-rmwrap\"><a href=\"https:\/\/www.dmsjuridica.com\/buscador_20179478954\/corteconstitucionalcronologico202454587\/t-443-92\/\" class=\"_self pt-cv-readmore btn btn-success\" target=\"_self\">Ver Sentencia Completa...<\/a><\/div><\/div><\/div><\/div>\n<div class=\"col-md-12 col-sm-12 col-xs-12 pt-cv-content-item pt-cv-1-col\" ><div class='pt-cv-ifield'><a href=\"https:\/\/www.dmsjuridica.com\/buscador_20179478954\/corteconstitucionalcronologico202454587\/t-442-92\/\" class=\"_self pt-cv-href-thumbnail pt-cv-thumb-default\" target=\"_self\" ><\/a>\n<div class=\"pt-cv-taxoterm above_title\"><a href='https:\/\/www.dmsjuridica.com\/buscador_20179478954\/corteconstitucionalcronologico202454587\/category\/buscar-en-toda-la-corte\/1992\/tutelas\/' title='Tutelas 1992' class='pt-cv-tax-tutelas'>Tutelas 1992<\/a><\/div>\n<h4 class=\"pt-cv-title\"><a href=\"https:\/\/www.dmsjuridica.com\/buscador_20179478954\/corteconstitucionalcronologico202454587\/t-442-92\/\" class=\"_self\" target=\"_self\" >T 442 92<\/a><\/h4>\n<div class=\"pt-cv-content\">T-442-92 Sentencia No. T-442\/92 DEBIDO PROCESO\/SUPERINTENDENCIA-Naturaleza El debido proceso administrativo tiene por objeto garantizar a trav\u00e9s de la evaluaci\u00f3n de las autoridades administrativas competentes y de los Tribunales Contenciosos, si los actos proferidos por la administraci\u00f3n, se ajustan al ordenamiento jur\u00eddico legal previamente establecido para ellos, con el fin de tutelar la regularidad jur\u00eddica y afianzar la credibilidad de las instituciones del Estado, ante la propia organizaci\u00f3n y los asociados y asegurar los derechos de los gobernados. Las Superintendencias son entidades administrativas del Orden Nacional, que las personas que prestan sus servicios en esas dependencias son empleados p\u00fablicos y que ...<br \/><div class=\"pt-cv-rmwrap\"><a href=\"https:\/\/www.dmsjuridica.com\/buscador_20179478954\/corteconstitucionalcronologico202454587\/t-442-92\/\" class=\"_self pt-cv-readmore btn btn-success\" target=\"_self\">Ver Sentencia Completa...<\/a><\/div><\/div><\/div><\/div>\n<div class=\"col-md-12 col-sm-12 col-xs-12 pt-cv-content-item pt-cv-1-col\" ><div class='pt-cv-ifield'><a href=\"https:\/\/www.dmsjuridica.com\/buscador_20179478954\/corteconstitucionalcronologico202454587\/t-441-92\/\" class=\"_self pt-cv-href-thumbnail pt-cv-thumb-default\" target=\"_self\" ><\/a>\n<div class=\"pt-cv-taxoterm above_title\"><a href='https:\/\/www.dmsjuridica.com\/buscador_20179478954\/corteconstitucionalcronologico202454587\/category\/buscar-en-toda-la-corte\/1992\/tutelas\/' title='Tutelas 1992' class='pt-cv-tax-tutelas'>Tutelas 1992<\/a><\/div>\n<h4 class=\"pt-cv-title\"><a href=\"https:\/\/www.dmsjuridica.com\/buscador_20179478954\/corteconstitucionalcronologico202454587\/t-441-92\/\" class=\"_self\" target=\"_self\" >T 441 92<\/a><\/h4>\n<div class=\"pt-cv-content\">T-441-92 Sentencia No. T-441\/92 ACCION DE TUTELA-Titularidad\/DERECHOS FUNDAMENTALES\/PERSONA JURIDICA La acci\u00f3n de tutela puede ser ejercida por personas naturales o jur\u00eddicas. Las personas jur\u00eddicas poseen derechos constitucionales fundamentales por dos v\u00edas: a) directamente: cuando las personas jur\u00eddicas son titulares de derechos fundamentales no porque act\u00faan en sustituci\u00f3n de sus miembros, sino que lo son por s\u00ed mismas, siempre, claro est\u00e1, que esos derechos por su naturaleza sean ejercitables por ellas mismas y b) indirectamente: cuando la esencialidad de la protecci\u00f3n gira alrededor de la tutela de los derechos constitucionales fundamentales de las personas naturales asociadas. DERECHO DE ASOCIACION SINDICAL El ...<br \/><div class=\"pt-cv-rmwrap\"><a href=\"https:\/\/www.dmsjuridica.com\/buscador_20179478954\/corteconstitucionalcronologico202454587\/t-441-92\/\" class=\"_self pt-cv-readmore btn btn-success\" target=\"_self\">Ver Sentencia Completa...<\/a><\/div><\/div><\/div><\/div>\n<div class=\"col-md-12 col-sm-12 col-xs-12 pt-cv-content-item pt-cv-1-col\" ><div class='pt-cv-ifield'><a href=\"https:\/\/www.dmsjuridica.com\/buscador_20179478954\/corteconstitucionalcronologico202454587\/t-440-92\/\" class=\"_self pt-cv-href-thumbnail pt-cv-thumb-default\" target=\"_self\" ><\/a>\n<div class=\"pt-cv-taxoterm above_title\"><a href='https:\/\/www.dmsjuridica.com\/buscador_20179478954\/corteconstitucionalcronologico202454587\/category\/buscar-en-toda-la-corte\/1992\/tutelas\/' title='Tutelas 1992' class='pt-cv-tax-tutelas'>Tutelas 1992<\/a><\/div>\n<h4 class=\"pt-cv-title\"><a href=\"https:\/\/www.dmsjuridica.com\/buscador_20179478954\/corteconstitucionalcronologico202454587\/t-440-92\/\" class=\"_self\" target=\"_self\" >T 440 92<\/a><\/h4>\n<div class=\"pt-cv-content\">T-440-92 Sentencia No. T-440\/92 LIBERTAD DE ENSE\u00d1ANZA\/DERECHOS FUNDAMENTALES La libertad de ense\u00f1anza es garantizada por el Estado como un derecho fundamental. Ella es manifestaci\u00f3n directa de la facultad particular de fundar establecimientos educativos y de la autonom\u00eda universitaria. Es un derecho garantizado tanto a las personas individualmente consideradas como a las entidades educativas. Sus l\u00edmites est\u00e1n dados por la Constituci\u00f3n y la ley, sin que en su ejercicio puedan desatenderse los fines de la educaci\u00f3n. La libertad de ense\u00f1anza resulta desconocida si a pesar de reconocerse la facultad de los colegios y educadores para impartir educaci\u00f3n sexual a los alumnos, ...<br \/><div class=\"pt-cv-rmwrap\"><a href=\"https:\/\/www.dmsjuridica.com\/buscador_20179478954\/corteconstitucionalcronologico202454587\/t-440-92\/\" class=\"_self pt-cv-readmore btn btn-success\" target=\"_self\">Ver Sentencia Completa...<\/a><\/div><\/div><\/div><\/div>\n<div class=\"col-md-12 col-sm-12 col-xs-12 pt-cv-content-item pt-cv-1-col\" ><div class='pt-cv-ifield'><a href=\"https:\/\/www.dmsjuridica.com\/buscador_20179478954\/corteconstitucionalcronologico202454587\/t-439-92\/\" class=\"_self pt-cv-href-thumbnail pt-cv-thumb-default\" target=\"_self\" ><\/a>\n<div class=\"pt-cv-taxoterm above_title\"><a href='https:\/\/www.dmsjuridica.com\/buscador_20179478954\/corteconstitucionalcronologico202454587\/category\/buscar-en-toda-la-corte\/1992\/tutelas\/' title='Tutelas 1992' class='pt-cv-tax-tutelas'>Tutelas 1992<\/a><\/div>\n<h4 class=\"pt-cv-title\"><a href=\"https:\/\/www.dmsjuridica.com\/buscador_20179478954\/corteconstitucionalcronologico202454587\/t-439-92\/\" class=\"_self\" target=\"_self\" >T 439 92<\/a><\/h4>\n<div class=\"pt-cv-content\">T-439-92 Sentencia T-439\/92 ACCION DE TUTELA\/MINORIAS POLITICAS Los integrantes de minor\u00edas pol\u00edticas que individualmente ostentan la condici\u00f3n de civiles pueden verse afectados con ocasi\u00f3n de las actividades militares y tienen derecho a solicitar del Estado su protecci\u00f3n espec\u00edfica, mediante el ejercicio de los medios jur\u00eddicos m\u00e1s efectivos para ello, en particular de la acci\u00f3n de tutela. DERECHO A LA PAZ La convivencia pac\u00edfica es un fin b\u00e1sico del Estado y el m\u00f3vil \u00faltimo de la actividad militar de las fuerzas del orden constitucional. La paz es, adem\u00e1s, presupuesto del proceso democr\u00e1tico, libre y abierto, y condici\u00f3n necesaria para el goce ...<br \/><div class=\"pt-cv-rmwrap\"><a href=\"https:\/\/www.dmsjuridica.com\/buscador_20179478954\/corteconstitucionalcronologico202454587\/t-439-92\/\" class=\"_self pt-cv-readmore btn btn-success\" target=\"_self\">Ver Sentencia Completa...<\/a><\/div><\/div><\/div><\/div>\n<div class=\"col-md-12 col-sm-12 col-xs-12 pt-cv-content-item pt-cv-1-col\" ><div class='pt-cv-ifield'><a href=\"https:\/\/www.dmsjuridica.com\/buscador_20179478954\/corteconstitucionalcronologico202454587\/t-438-92\/\" class=\"_self pt-cv-href-thumbnail pt-cv-thumb-default\" target=\"_self\" ><\/a>\n<div class=\"pt-cv-taxoterm above_title\"><a href='https:\/\/www.dmsjuridica.com\/buscador_20179478954\/corteconstitucionalcronologico202454587\/category\/buscar-en-toda-la-corte\/1992\/tutelas\/' title='Tutelas 1992' class='pt-cv-tax-tutelas'>Tutelas 1992<\/a><\/div>\n<h4 class=\"pt-cv-title\"><a href=\"https:\/\/www.dmsjuridica.com\/buscador_20179478954\/corteconstitucionalcronologico202454587\/t-438-92\/\" class=\"_self\" target=\"_self\" >T 438 92<\/a><\/h4>\n<div class=\"pt-cv-content\">T-438-92 Sentencia No. T-438\/92 DERECHO DISCIPLINARIO\/DEBIDO PROCESO\/PRINCIPIO DE FAVORABILIDAD-Alcance Si al derecho disciplinario se le aplican los principios generales del derecho penal, es claro que en el caso concreto, la procuradur\u00eda viol\u00f3 el principio de la favorabilidad. Si bien es cierto que la doctrina y la jurisprudencia se han ocupado de este principio en especial para resolver conflictos de car\u00e1cter temporal entre las leyes, tambi\u00e9n es cierto que el principio de favorabilidad est\u00e1 esencialmente concebido para resolver conflictos entre leyes que coexisten de manera simultanea en el tiempo. EMPLEADO PUBLICO-Intervenci\u00f3n en pol\u00edtica\/PERSONAL DOCENTE Cuando el estatuto docente les ordena a ...<br \/><div class=\"pt-cv-rmwrap\"><a href=\"https:\/\/www.dmsjuridica.com\/buscador_20179478954\/corteconstitucionalcronologico202454587\/t-438-92\/\" class=\"_self pt-cv-readmore btn btn-success\" target=\"_self\">Ver Sentencia Completa...<\/a><\/div><\/div><\/div><\/div>\n<div class=\"col-md-12 col-sm-12 col-xs-12 pt-cv-content-item pt-cv-1-col\" ><div class='pt-cv-ifield'><a href=\"https:\/\/www.dmsjuridica.com\/buscador_20179478954\/corteconstitucionalcronologico202454587\/t-437-92\/\" class=\"_self pt-cv-href-thumbnail pt-cv-thumb-default\" target=\"_self\" ><\/a>\n<div class=\"pt-cv-taxoterm above_title\"><a href='https:\/\/www.dmsjuridica.com\/buscador_20179478954\/corteconstitucionalcronologico202454587\/category\/buscar-en-toda-la-corte\/1992\/tutelas\/' title='Tutelas 1992' class='pt-cv-tax-tutelas'>Tutelas 1992<\/a><\/div>\n<h4 class=\"pt-cv-title\"><a href=\"https:\/\/www.dmsjuridica.com\/buscador_20179478954\/corteconstitucionalcronologico202454587\/t-437-92\/\" class=\"_self\" target=\"_self\" >T 437 92<\/a><\/h4>\n<div class=\"pt-cv-content\">T-437-92 CORTE CONSTITUCIONAL Sentencia No. T-437\/92 ACCION POPULAR-Finalidad\/ACCION DE TUTELA\/PERJUICIO IRREMEDIABLE La defensa del ambiente sano concierne a la comunidad en cuanto tal y para el amparo de los derechos que a ella corresponden ha sido previsto el mecanismo de las acciones populares que, en ese sentido, tienen un objeto diferente al de la acci\u00f3n de tutela. Eso explica el porqu\u00e9 de la norma contenida en el art\u00edculo 6\u00ba, numeral 3, del Decreto 2591 de 1991, a cuyo tenor no procede la acci\u00f3n de tutela cuando se pretenda proteger los derechos mencionados en el art\u00edculo 88, a menos que se ...<br \/><div class=\"pt-cv-rmwrap\"><a href=\"https:\/\/www.dmsjuridica.com\/buscador_20179478954\/corteconstitucionalcronologico202454587\/t-437-92\/\" class=\"_self pt-cv-readmore btn btn-success\" target=\"_self\">Ver Sentencia Completa...<\/a><\/div><\/div><\/div><\/div>\n<div class=\"col-md-12 col-sm-12 col-xs-12 pt-cv-content-item pt-cv-1-col\" ><div class='pt-cv-ifield'><a href=\"https:\/\/www.dmsjuridica.com\/buscador_20179478954\/corteconstitucionalcronologico202454587\/t-436-92\/\" class=\"_self pt-cv-href-thumbnail pt-cv-thumb-default\" target=\"_self\" ><\/a>\n<div class=\"pt-cv-taxoterm above_title\"><a href='https:\/\/www.dmsjuridica.com\/buscador_20179478954\/corteconstitucionalcronologico202454587\/category\/buscar-en-toda-la-corte\/1992\/tutelas\/' title='Tutelas 1992' class='pt-cv-tax-tutelas'>Tutelas 1992<\/a><\/div>\n<h4 class=\"pt-cv-title\"><a href=\"https:\/\/www.dmsjuridica.com\/buscador_20179478954\/corteconstitucionalcronologico202454587\/t-436-92\/\" class=\"_self\" target=\"_self\" >T 436 92<\/a><\/h4>\n<div class=\"pt-cv-content\">T-436-92 Sentencia No. T-436\/92 DERECHO DE DEFENSA\/DERECHOS FUNDAMENTALES\/DEFENSORIA PUBLICA Tanto el Constituyente colombiano, como el legislador, han previsto los mecanismos adecuados para garantizar, necesariamente, el adecuado derecho a la defensa. Tanto es as\u00ed, que en ausencia del defensor p\u00fablico, debe, de todas maneras, nombrarse un defensor de oficio. El derecho de defensa es, pues, un derecho fundamental auton\u00f3mo, ligado inextricablemente al debido proceso, que permite garantizar la realizaci\u00f3n de otros derechos, como la libertad, la petici\u00f3n y la vida. El Estado dispone, al menos normativamente, de los instrumentos para hacerlo efectivo, mediante mecanismos tales como la defensor\u00eda p\u00fablica, la cual ...<br \/><div class=\"pt-cv-rmwrap\"><a href=\"https:\/\/www.dmsjuridica.com\/buscador_20179478954\/corteconstitucionalcronologico202454587\/t-436-92\/\" class=\"_self pt-cv-readmore btn btn-success\" target=\"_self\">Ver Sentencia Completa...<\/a><\/div><\/div><\/div><\/div>\n<div class=\"col-md-12 col-sm-12 col-xs-12 pt-cv-content-item pt-cv-1-col\" ><div class='pt-cv-ifield'><a href=\"https:\/\/www.dmsjuridica.com\/buscador_20179478954\/corteconstitucionalcronologico202454587\/t-433-92\/\" class=\"_self pt-cv-href-thumbnail pt-cv-thumb-default\" target=\"_self\" ><\/a>\n<div class=\"pt-cv-taxoterm above_title\"><a href='https:\/\/www.dmsjuridica.com\/buscador_20179478954\/corteconstitucionalcronologico202454587\/category\/buscar-en-toda-la-corte\/1992\/tutelas\/' title='Tutelas 1992' class='pt-cv-tax-tutelas'>Tutelas 1992<\/a><\/div>\n<h4 class=\"pt-cv-title\"><a href=\"https:\/\/www.dmsjuridica.com\/buscador_20179478954\/corteconstitucionalcronologico202454587\/t-433-92\/\" class=\"_self\" target=\"_self\" >T 433 92<\/a><\/h4>\n<div class=\"pt-cv-content\">T-433-92 Sentencia No. T-433\/92 ACCION DE TUTELA-Improcedencia\/CADUCIDAD\/ACCION DE TUTELA CONTRA SENTENCIAS Consiste la caducidad en el fen\u00f3meno procesal de declarar extinguida la acci\u00f3n por no incoarse ante la jurisdicci\u00f3n competente dentro del t\u00e9rmino perentorio establecido por el ordenamiento jur\u00eddico para ello. Opera la caducidad ipso jure, vale decir que el juez puede y debe declararla oficiosamente cuando verifique el hecho objetivo de la inactividad del actor en el lapso consagrado en la ley para iniciar la acci\u00f3n. Este plazo no se suspende ni interrumpe, ya que se inspira en razones de orden p\u00fablico, lo cual s\u00ed ocurre en trat\u00e1ndose de ...<br \/><div class=\"pt-cv-rmwrap\"><a href=\"https:\/\/www.dmsjuridica.com\/buscador_20179478954\/corteconstitucionalcronologico202454587\/t-433-92\/\" class=\"_self pt-cv-readmore btn btn-success\" target=\"_self\">Ver Sentencia Completa...<\/a><\/div><\/div><\/div><\/div>\n<div class=\"col-md-12 col-sm-12 col-xs-12 pt-cv-content-item pt-cv-1-col\" ><div class='pt-cv-ifield'><a href=\"https:\/\/www.dmsjuridica.com\/buscador_20179478954\/corteconstitucionalcronologico202454587\/t-432-92\/\" class=\"_self pt-cv-href-thumbnail pt-cv-thumb-default\" target=\"_self\" ><\/a>\n<div class=\"pt-cv-taxoterm above_title\"><a href='https:\/\/www.dmsjuridica.com\/buscador_20179478954\/corteconstitucionalcronologico202454587\/category\/buscar-en-toda-la-corte\/1992\/tutelas\/' title='Tutelas 1992' class='pt-cv-tax-tutelas'>Tutelas 1992<\/a><\/div>\n<h4 class=\"pt-cv-title\"><a href=\"https:\/\/www.dmsjuridica.com\/buscador_20179478954\/corteconstitucionalcronologico202454587\/t-432-92\/\" class=\"_self\" target=\"_self\" >T 432 92<\/a><\/h4>\n<div class=\"pt-cv-content\">T-432-92 Sentencia No. T-432\/92 IGUALDAD ANTE LA LEY\/DERECHOS FUNDAMENTALES\/IGUALDAD FORMAL\/IGUALDAD MATERIAL El principio de la igualdad es objetivo y no formal; \u00e9l se predica de la identidad de los iguales y de la diferencia entre los desiguales. Se supera as\u00ed el concepto de la igualdad de la ley a partir de la generalidad abstracta, por el concepto de la generalidad concreta, que concluye con el principio seg\u00fan el cual no se permite regulaci\u00f3n diferente de supuestos iguales o an\u00e1logos y prescribe diferente normaci\u00f3n a supuestos distintos. Con este concepto s\u00f3lo se autoriza un trato diferente si est\u00e1 razonablemente justificado. Se ...<br \/><div class=\"pt-cv-rmwrap\"><a href=\"https:\/\/www.dmsjuridica.com\/buscador_20179478954\/corteconstitucionalcronologico202454587\/t-432-92\/\" class=\"_self pt-cv-readmore btn btn-success\" target=\"_self\">Ver Sentencia Completa...<\/a><\/div><\/div><\/div><\/div>\n<div class=\"col-md-12 col-sm-12 col-xs-12 pt-cv-content-item pt-cv-1-col\" ><div class='pt-cv-ifield'><a href=\"https:\/\/www.dmsjuridica.com\/buscador_20179478954\/corteconstitucionalcronologico202454587\/t-431-92\/\" class=\"_self pt-cv-href-thumbnail pt-cv-thumb-default\" target=\"_self\" ><\/a>\n<div class=\"pt-cv-taxoterm above_title\"><a href='https:\/\/www.dmsjuridica.com\/buscador_20179478954\/corteconstitucionalcronologico202454587\/category\/buscar-en-toda-la-corte\/1992\/tutelas\/' title='Tutelas 1992' class='pt-cv-tax-tutelas'>Tutelas 1992<\/a><\/div>\n<h4 class=\"pt-cv-title\"><a href=\"https:\/\/www.dmsjuridica.com\/buscador_20179478954\/corteconstitucionalcronologico202454587\/t-431-92\/\" class=\"_self\" target=\"_self\" >T 431 92<\/a><\/h4>\n<div class=\"pt-cv-content\">T-431-92 Sentencia No. T-431\/92 ACCION DE TUTELA\/COMPETENCIA DE TUTELA\/SENTENCIA INHIBITORIA-Improcedencia La competencia especial establecida por el art\u00edculo 40 del Decreto 2591 de 1991 no puede convertirse en regla general sino que debe atenderse a su car\u00e1cter exceptivo para evitar que se desvirt\u00fae el prop\u00f3sito buscado por el Constituyente, cuyo sentido es el de ofrecer a todas las personas la ocasi\u00f3n de obtener, sin mayores disquisiciones ni controversias de orden procedimental o formal, el efectivo amparo a sus derechos, siempre y cuando haya lugar al mismo. As\u00ed, pues, el superior jer\u00e1rquico debe resolver, seg\u00fan el art. 4o. Decreto 2591\/91, sobre las ...<br \/><div class=\"pt-cv-rmwrap\"><a href=\"https:\/\/www.dmsjuridica.com\/buscador_20179478954\/corteconstitucionalcronologico202454587\/t-431-92\/\" class=\"_self pt-cv-readmore btn btn-success\" target=\"_self\">Ver Sentencia Completa...<\/a><\/div><\/div><\/div><\/div>\n<div class=\"col-md-12 col-sm-12 col-xs-12 pt-cv-content-item pt-cv-1-col\" ><div class='pt-cv-ifield'><a href=\"https:\/\/www.dmsjuridica.com\/buscador_20179478954\/corteconstitucionalcronologico202454587\/t-430-92\/\" class=\"_self pt-cv-href-thumbnail pt-cv-thumb-default\" target=\"_self\" ><\/a>\n<div class=\"pt-cv-taxoterm above_title\"><a href='https:\/\/www.dmsjuridica.com\/buscador_20179478954\/corteconstitucionalcronologico202454587\/category\/buscar-en-toda-la-corte\/1992\/tutelas\/' title='Tutelas 1992' class='pt-cv-tax-tutelas'>Tutelas 1992<\/a><\/div>\n<h4 class=\"pt-cv-title\"><a href=\"https:\/\/www.dmsjuridica.com\/buscador_20179478954\/corteconstitucionalcronologico202454587\/t-430-92\/\" class=\"_self\" target=\"_self\" >T 430 92<\/a><\/h4>\n<div class=\"pt-cv-content\">T-430-92 Sentencia No. T-430\/92 ACCION DE TUTELA CONTRA ACTOS DE LA RAMA LEGISLATIVA La acci\u00f3n de tutela es reconocida por la Constituci\u00f3n a favor de todas las personas cuando quiera que sus derechos fundamentales resulten vulnerados o amenazados por la acci\u00f3n o la omisi\u00f3n de cualquier autoridad p\u00fablica, sin distinguir entre ellas, de tal forma que, en principio, es posible intentarla contra actos emanados de servidores pertenecientes a cualquier rama u \u00f3rgano del poder p\u00fablico y a\u00fan de las corporaciones p\u00fablicas. Asiste la raz\u00f3n al accionante cuando afirma que tambi\u00e9n los actos producidos por la rama legislativa son susceptibles de ...<br \/><div class=\"pt-cv-rmwrap\"><a href=\"https:\/\/www.dmsjuridica.com\/buscador_20179478954\/corteconstitucionalcronologico202454587\/t-430-92\/\" class=\"_self pt-cv-readmore btn btn-success\" target=\"_self\">Ver Sentencia Completa...<\/a><\/div><\/div><\/div><\/div>\n<div class=\"col-md-12 col-sm-12 col-xs-12 pt-cv-content-item pt-cv-1-col\" ><div class='pt-cv-ifield'><a href=\"https:\/\/www.dmsjuridica.com\/buscador_20179478954\/corteconstitucionalcronologico202454587\/t-429-92\/\" class=\"_self pt-cv-href-thumbnail pt-cv-thumb-default\" target=\"_self\" ><\/a>\n<div class=\"pt-cv-taxoterm above_title\"><a href='https:\/\/www.dmsjuridica.com\/buscador_20179478954\/corteconstitucionalcronologico202454587\/category\/buscar-en-toda-la-corte\/1992\/tutelas\/' title='Tutelas 1992' class='pt-cv-tax-tutelas'>Tutelas 1992<\/a><\/div>\n<h4 class=\"pt-cv-title\"><a href=\"https:\/\/www.dmsjuridica.com\/buscador_20179478954\/corteconstitucionalcronologico202454587\/t-429-92\/\" class=\"_self\" target=\"_self\" >T 429 92<\/a><\/h4>\n<div class=\"pt-cv-content\">T-429-92 DERECHO A LA EDUCACION\/SERVICIOS PUBLICOS\/DERECHOS DEL NI\u00d1O Adem\u00e1s de su condici\u00f3n de derecho fundamental de la persona, la educaci\u00f3n es tambi\u00e9n un servicio que tiene una funci\u00f3n social. As\u00ed lo reconoce expresamente la Constituci\u00f3n. Ello implica no s\u00f3lo que satisface una necesidad de car\u00e1cter general y que por lo tanto debe estar al alcance de quienes lo requieran sino que el Estado debe garantizar el acceso al mismo y velar porque en su prestaci\u00f3n se cumplan los fines se\u00f1alados por el ordenamiento jur\u00eddico vigente. En virtud del car\u00e1cter de servicio p\u00fablico con funci\u00f3n social que constitucionalmente tiene la educaci\u00f3n, ...<br \/><div class=\"pt-cv-rmwrap\"><a href=\"https:\/\/www.dmsjuridica.com\/buscador_20179478954\/corteconstitucionalcronologico202454587\/t-429-92\/\" class=\"_self pt-cv-readmore btn btn-success\" target=\"_self\">Ver Sentencia Completa...<\/a><\/div><\/div><\/div><\/div>\n<div class=\"col-md-12 col-sm-12 col-xs-12 pt-cv-content-item pt-cv-1-col\" ><div class='pt-cv-ifield'><a href=\"https:\/\/www.dmsjuridica.com\/buscador_20179478954\/corteconstitucionalcronologico202454587\/t-428-92\/\" class=\"_self pt-cv-href-thumbnail pt-cv-thumb-default\" target=\"_self\" ><\/a>\n<div class=\"pt-cv-taxoterm above_title\"><a href='https:\/\/www.dmsjuridica.com\/buscador_20179478954\/corteconstitucionalcronologico202454587\/category\/buscar-en-toda-la-corte\/1992\/tutelas\/' title='Tutelas 1992' class='pt-cv-tax-tutelas'>Tutelas 1992<\/a><\/div>\n<h4 class=\"pt-cv-title\"><a href=\"https:\/\/www.dmsjuridica.com\/buscador_20179478954\/corteconstitucionalcronologico202454587\/t-428-92\/\" class=\"_self\" target=\"_self\" >T 428 92<\/a><\/h4>\n<div class=\"pt-cv-content\">T-428-92 Sentencia No. T-428\/92 DERECHO AL AMBIENTE SANO\/TEORIA DE LA IMPREVISION Los habitantes de la Comunidad Ind\u00edgena de Cristian\u00eda, como los habitantes de cualquier terreno inestable geol\u00f3gicamente, no tienen porqu\u00e9 estar condenados a afrontar las consecuencias perjudiciales que surgen de la realizaci\u00f3n de obras que, ignorando negligentemente la fragilidad del terreno, desencadenan da\u00f1os y perjuicios. El hecho de que las obras contribuyan en forma m\u00ednima, siendo este m\u00ednimo suficiente para desencadenar los da\u00f1os, no puede significar que la Comunidad deba soportar esta causa adicional. Ser\u00eda tanto como afirmar que los da\u00f1os deben ser soportados en aquellos casos en los cuales ...<br \/><div class=\"pt-cv-rmwrap\"><a href=\"https:\/\/www.dmsjuridica.com\/buscador_20179478954\/corteconstitucionalcronologico202454587\/t-428-92\/\" class=\"_self pt-cv-readmore btn btn-success\" target=\"_self\">Ver Sentencia Completa...<\/a><\/div><\/div><\/div><\/div>\n<div class=\"col-md-12 col-sm-12 col-xs-12 pt-cv-content-item pt-cv-1-col\" ><div class='pt-cv-ifield'><a href=\"https:\/\/www.dmsjuridica.com\/buscador_20179478954\/corteconstitucionalcronologico202454587\/t-427-92\/\" class=\"_self pt-cv-href-thumbnail pt-cv-thumb-default\" target=\"_self\" ><\/a>\n<div class=\"pt-cv-taxoterm above_title\"><a href='https:\/\/www.dmsjuridica.com\/buscador_20179478954\/corteconstitucionalcronologico202454587\/category\/buscar-en-toda-la-corte\/1992\/tutelas\/' title='Tutelas 1992' class='pt-cv-tax-tutelas'>Tutelas 1992<\/a><\/div>\n<h4 class=\"pt-cv-title\"><a href=\"https:\/\/www.dmsjuridica.com\/buscador_20179478954\/corteconstitucionalcronologico202454587\/t-427-92\/\" class=\"_self\" target=\"_self\" >T 427 92<\/a><\/h4>\n<div class=\"pt-cv-content\">T-427-92 Sentencia No. T-427\/92 INSUBSISTENCIA\/DERECHOS DEL MINUSVALIDO\/PRINCIPIO DE LA BUENA FE Por tener la declaratoria de insubsistencia la virtualidad de afectar, sin necesidad de motivaci\u00f3n alguna, el derecho fundamental al trabajo, el juez constitucional debe ser especialmente sensible frente a las circunstancias concretas del caso. Aunque la decisi\u00f3n administrativa goce de la presunci\u00f3n de legalidad, el juzgador debe hacer un examen minucioso de los hechos determinantes de la misma, con miras a comprobar las verdaderas motivaciones del acto, y evitar as\u00ed un tratamiento discriminatorio en contra de los funcionarios de libre nombramiento. Con respecto al ejercicio de la facultad de ...<br \/><div class=\"pt-cv-rmwrap\"><a href=\"https:\/\/www.dmsjuridica.com\/buscador_20179478954\/corteconstitucionalcronologico202454587\/t-427-92\/\" class=\"_self pt-cv-readmore btn btn-success\" target=\"_self\">Ver Sentencia Completa...<\/a><\/div><\/div><\/div><\/div>\n<div class=\"col-md-12 col-sm-12 col-xs-12 pt-cv-content-item pt-cv-1-col\" ><div class='pt-cv-ifield'><a href=\"https:\/\/www.dmsjuridica.com\/buscador_20179478954\/corteconstitucionalcronologico202454587\/t-426-92\/\" class=\"_self pt-cv-href-thumbnail pt-cv-thumb-default\" target=\"_self\" ><\/a>\n<div class=\"pt-cv-taxoterm above_title\"><a href='https:\/\/www.dmsjuridica.com\/buscador_20179478954\/corteconstitucionalcronologico202454587\/category\/buscar-en-toda-la-corte\/1992\/tutelas\/' title='Tutelas 1992' class='pt-cv-tax-tutelas'>Tutelas 1992<\/a><\/div>\n<h4 class=\"pt-cv-title\"><a href=\"https:\/\/www.dmsjuridica.com\/buscador_20179478954\/corteconstitucionalcronologico202454587\/t-426-92\/\" class=\"_self\" target=\"_self\" >T 426 92<\/a><\/h4>\n<div class=\"pt-cv-content\">T-426-92 Sentencia No. T-426\/92 DERECHO A LA SUBSISTENCIA Aunque la Constituci\u00f3n no consagra un derecho a la subsistencia \u00e9ste puede deducirse de los derechos a la vida, a la salud, al trabajo y a la asistencia o a la seguridad social. La persona requiere de un m\u00ednimo de elementos materiales para subsistir. La consagraci\u00f3n de derechos fundamentales en la Constituci\u00f3n busca garantizar las condiciones econ\u00f3micas y espirituales necesarias para la dignificaci\u00f3n de la persona humana y el libre desarrollo de su personalidad. ESTADO SOCIAL DE DERECHO El Estado social de derecho hace relaci\u00f3n a la forma de organizaci\u00f3n pol\u00edtica que ...<br \/><div class=\"pt-cv-rmwrap\"><a href=\"https:\/\/www.dmsjuridica.com\/buscador_20179478954\/corteconstitucionalcronologico202454587\/t-426-92\/\" class=\"_self pt-cv-readmore btn btn-success\" target=\"_self\">Ver Sentencia Completa...<\/a><\/div><\/div><\/div><\/div>\n<div class=\"col-md-12 col-sm-12 col-xs-12 pt-cv-content-item pt-cv-1-col\" ><div class='pt-cv-ifield'><a href=\"https:\/\/www.dmsjuridica.com\/buscador_20179478954\/corteconstitucionalcronologico202454587\/t-425-92\/\" class=\"_self pt-cv-href-thumbnail pt-cv-thumb-default\" target=\"_self\" ><\/a>\n<div class=\"pt-cv-taxoterm above_title\"><a href='https:\/\/www.dmsjuridica.com\/buscador_20179478954\/corteconstitucionalcronologico202454587\/category\/buscar-en-toda-la-corte\/1992\/tutelas\/' title='Tutelas 1992' class='pt-cv-tax-tutelas'>Tutelas 1992<\/a><\/div>\n<h4 class=\"pt-cv-title\"><a href=\"https:\/\/www.dmsjuridica.com\/buscador_20179478954\/corteconstitucionalcronologico202454587\/t-425-92\/\" class=\"_self\" target=\"_self\" >T 425 92<\/a><\/h4>\n<div class=\"pt-cv-content\">T-425-92 Sentencia No. T-425\/92 ACCION DE TUTELA\/ACTO POLICIVO\/JURISDICCION CONTENCIOSO ADMINISTRATIVA-Improcedencia Es procedente la acci\u00f3n de tutela para reclamar la protecci\u00f3n del derecho al trabajo que se presume violado por el acto acusado, a fin de que se examine la decisi\u00f3n all\u00ed contenida, teniendo en cuenta que se da el requerimiento constitucional de no existir contra ellas un mecanismo de defensa judicial distinto, por cuanto de acuerdo con lo normado en el art\u00edculo 82 del C\u00f3digo Contencioso Administrativo \"la jurisdicci\u00f3n de lo Contencioso Administrativo no juzga las decisiones proferidas en juicios civiles o penales de polic\u00eda regulados especialmente por la ley\" ...<br \/><div class=\"pt-cv-rmwrap\"><a href=\"https:\/\/www.dmsjuridica.com\/buscador_20179478954\/corteconstitucionalcronologico202454587\/t-425-92\/\" class=\"_self pt-cv-readmore btn btn-success\" target=\"_self\">Ver Sentencia Completa...<\/a><\/div><\/div><\/div><\/div>\n<div class=\"col-md-12 col-sm-12 col-xs-12 pt-cv-content-item pt-cv-1-col\" ><div class='pt-cv-ifield'><a href=\"https:\/\/www.dmsjuridica.com\/buscador_20179478954\/corteconstitucionalcronologico202454587\/t-424-92\/\" class=\"_self pt-cv-href-thumbnail pt-cv-thumb-default\" target=\"_self\" ><\/a>\n<div class=\"pt-cv-taxoterm above_title\"><a href='https:\/\/www.dmsjuridica.com\/buscador_20179478954\/corteconstitucionalcronologico202454587\/category\/buscar-en-toda-la-corte\/1992\/tutelas\/' title='Tutelas 1992' class='pt-cv-tax-tutelas'>Tutelas 1992<\/a><\/div>\n<h4 class=\"pt-cv-title\"><a href=\"https:\/\/www.dmsjuridica.com\/buscador_20179478954\/corteconstitucionalcronologico202454587\/t-424-92\/\" class=\"_self\" target=\"_self\" >T 424 92<\/a><\/h4>\n<div class=\"pt-cv-content\">T-424-92 Sentencia No. T-424\/92 DERECHOS DEL INTERNO\/DERECHOS FUNDAMENTALES\/ACCION DE TUTELA El r\u00e9gimen jur\u00eddico especial al que se encuentran sometidos los internos en ocasiones, resulta incompatible con ciertos derechos, a\u00fan fundamentales, cuyo ejercicio, en consecuencia, se suspende para tornar a \u00e9l luego de que haya expirado el t\u00e9rmino de la pena, o seg\u00fan las condiciones fijadas en la ley o en la sentencia. No sobra recalcar que algunos de los derechos, reconocidos a los reclusos, bien conservados en su plenitud o limitados en raz\u00f3n de su especial r\u00e9gimen jur\u00eddico, ostentan el car\u00e1cter de constitucionales fundamentales, aserto que se demuestra fehacientemente si ...<br \/><div class=\"pt-cv-rmwrap\"><a href=\"https:\/\/www.dmsjuridica.com\/buscador_20179478954\/corteconstitucionalcronologico202454587\/t-424-92\/\" class=\"_self pt-cv-readmore btn btn-success\" target=\"_self\">Ver Sentencia Completa...<\/a><\/div><\/div><\/div><\/div>\n<div class=\"col-md-12 col-sm-12 col-xs-12 pt-cv-content-item pt-cv-1-col\" ><div class='pt-cv-ifield'><a href=\"https:\/\/www.dmsjuridica.com\/buscador_20179478954\/corteconstitucionalcronologico202454587\/t-423-92\/\" class=\"_self pt-cv-href-thumbnail pt-cv-thumb-default\" target=\"_self\" ><\/a>\n<div class=\"pt-cv-taxoterm above_title\"><a href='https:\/\/www.dmsjuridica.com\/buscador_20179478954\/corteconstitucionalcronologico202454587\/category\/buscar-en-toda-la-corte\/1992\/tutelas\/' title='Tutelas 1992' class='pt-cv-tax-tutelas'>Tutelas 1992<\/a><\/div>\n<h4 class=\"pt-cv-title\"><a href=\"https:\/\/www.dmsjuridica.com\/buscador_20179478954\/corteconstitucionalcronologico202454587\/t-423-92\/\" class=\"_self\" target=\"_self\" >T 423 92<\/a><\/h4>\n<div class=\"pt-cv-content\">T-423-92 Sentencia No. T-423\/92 DERECHO A LA VIVIENDA El derecho a la vivienda s\u00f3lo puede obtenerse, al igual que todos los derechos, de conformidad con la ley; y no, desconociendo derechos de los co-asociados, como se ha pretendido, al convertir a los \"invasores\" en titulares reclamantes del derecho a la vivienda establecido en la Constituci\u00f3n Pol\u00edtica. Se trata de un derecho asistencial, que debe ser promovido por el Estado, de acuerdo con la ley, para ser prestado directamente por \u00e9ste o a trav\u00e9s de entes asociativos igualmente regulados jur\u00eddicamente, tal como se ha expresdo. De suerte que no es un ...<br \/><div class=\"pt-cv-rmwrap\"><a href=\"https:\/\/www.dmsjuridica.com\/buscador_20179478954\/corteconstitucionalcronologico202454587\/t-423-92\/\" class=\"_self pt-cv-readmore btn btn-success\" target=\"_self\">Ver Sentencia Completa...<\/a><\/div><\/div><\/div><\/div>\n<div class=\"col-md-12 col-sm-12 col-xs-12 pt-cv-content-item pt-cv-1-col\" ><div class='pt-cv-ifield'><a href=\"https:\/\/www.dmsjuridica.com\/buscador_20179478954\/corteconstitucionalcronologico202454587\/t-422-92\/\" class=\"_self pt-cv-href-thumbnail pt-cv-thumb-default\" target=\"_self\" ><\/a>\n<div class=\"pt-cv-taxoterm above_title\"><a href='https:\/\/www.dmsjuridica.com\/buscador_20179478954\/corteconstitucionalcronologico202454587\/category\/buscar-en-toda-la-corte\/1992\/tutelas\/' title='Tutelas 1992' class='pt-cv-tax-tutelas'>Tutelas 1992<\/a><\/div>\n<h4 class=\"pt-cv-title\"><a href=\"https:\/\/www.dmsjuridica.com\/buscador_20179478954\/corteconstitucionalcronologico202454587\/t-422-92\/\" class=\"_self\" target=\"_self\" >T 422 92<\/a><\/h4>\n<div class=\"pt-cv-content\">T-422-92 Sentencia No. T-422\/92 IGUALDAD ANTE LA LEY\/IGUALDAD DE OPORTUNIDADES\/CONCURSO DE MERITOS\/CARGA DE LA PRUEBA La circunstancia de ocupar el primer puesto en un concurso de m\u00e9ritos para un cargo de la administraci\u00f3n y, sin embargo, no ser nombrado por la entidad es factor suficiente para presumir un trato diferente, discriminatorio en contra de la persona afectada por la medida. Si se demuestra que dicho trato diferente no est\u00e1 objetiva y razonablemente justificado, la respectiva actuaci\u00f3n deber\u00e1 ser excluida del ordenamiento por ser violatoria del principio de igualdad. Si la desigualdad aducida resulta de una distinci\u00f3n hecha por el legislador ...<br \/><div class=\"pt-cv-rmwrap\"><a href=\"https:\/\/www.dmsjuridica.com\/buscador_20179478954\/corteconstitucionalcronologico202454587\/t-422-92\/\" class=\"_self pt-cv-readmore btn btn-success\" target=\"_self\">Ver Sentencia Completa...<\/a><\/div><\/div><\/div><\/div>\n<div class=\"col-md-12 col-sm-12 col-xs-12 pt-cv-content-item pt-cv-1-col\" ><div class='pt-cv-ifield'><a href=\"https:\/\/www.dmsjuridica.com\/buscador_20179478954\/corteconstitucionalcronologico202454587\/t-421-92\/\" class=\"_self pt-cv-href-thumbnail pt-cv-thumb-default\" target=\"_self\" ><\/a>\n<div class=\"pt-cv-taxoterm above_title\"><a href='https:\/\/www.dmsjuridica.com\/buscador_20179478954\/corteconstitucionalcronologico202454587\/category\/buscar-en-toda-la-corte\/1992\/tutelas\/' title='Tutelas 1992' class='pt-cv-tax-tutelas'>Tutelas 1992<\/a><\/div>\n<h4 class=\"pt-cv-title\"><a href=\"https:\/\/www.dmsjuridica.com\/buscador_20179478954\/corteconstitucionalcronologico202454587\/t-421-92\/\" class=\"_self\" target=\"_self\" >T 421 92<\/a><\/h4>\n<div class=\"pt-cv-content\">T-421-92 Sentencia No. T-421\/92 LIBERTAD DE CULTOS\/LIBERTAD DE CONCIENCIA\/EDUCACION RELIGIOSA El constituyente de 1991 opt\u00f3 por garantizar la igualdad entre las diferentes religiones e iglesias y liberalizar la libertad de culto, sin consagrar l\u00edmites constitucionales expresos a su ejercicio, como se advierte en el precitado art\u00edculo 19 de la Constituci\u00f3n. A la luz de la nueva Constituci\u00f3n, no es que exista una regla general de que la religi\u00f3n cat\u00f3lica obliga ser cursada como materia b\u00e1sica, salvo que se solicite ser eximido. Ello violar\u00eda la libertad de conciencia. Por el contrario, las instituciones educativas oficiales deben mantener una posici\u00f3n neutral y ...<br \/><div class=\"pt-cv-rmwrap\"><a href=\"https:\/\/www.dmsjuridica.com\/buscador_20179478954\/corteconstitucionalcronologico202454587\/t-421-92\/\" class=\"_self pt-cv-readmore btn btn-success\" target=\"_self\">Ver Sentencia Completa...<\/a><\/div><\/div><\/div><\/div>\n<div class=\"col-md-12 col-sm-12 col-xs-12 pt-cv-content-item pt-cv-1-col\" ><div class='pt-cv-ifield'><a href=\"https:\/\/www.dmsjuridica.com\/buscador_20179478954\/corteconstitucionalcronologico202454587\/t-420-92\/\" class=\"_self pt-cv-href-thumbnail pt-cv-thumb-default\" target=\"_self\" ><\/a>\n<div class=\"pt-cv-taxoterm above_title\"><a href='https:\/\/www.dmsjuridica.com\/buscador_20179478954\/corteconstitucionalcronologico202454587\/category\/buscar-en-toda-la-corte\/1992\/tutelas\/' title='Tutelas 1992' class='pt-cv-tax-tutelas'>Tutelas 1992<\/a><\/div>\n<h4 class=\"pt-cv-title\"><a href=\"https:\/\/www.dmsjuridica.com\/buscador_20179478954\/corteconstitucionalcronologico202454587\/t-420-92\/\" class=\"_self\" target=\"_self\" >T 420 92<\/a><\/h4>\n<div class=\"pt-cv-content\">T-420-92 Sentencia No. T-420\/92 DERECHO A LA EDUCACION\/DERECHOS FUNDAMENTALES-Determinaci\u00f3n\/IGUALDAD ANTE LA LEY Se caracterizan los derechos fundamentales porque pertenecen al ser humano en atenci\u00f3n a su calidad intr\u00ednseca de tal, por ser \u00e9l criatura \u00fanica pensante dotada de razonamiento; lo que le permite manifestar su voluntad y apetencias libremente y poseer por ello ese don exclusivo e inimitable en el universo social que se denomina dignidad humana. Estos atributos se predican de la educaci\u00f3n.La educaci\u00f3n permite a la persona formarse intelectual, moral y c\u00edvicamente y con ello tener conciencia de su dignidad personal y de los deberes y obligaciones para ...<br \/><div class=\"pt-cv-rmwrap\"><a href=\"https:\/\/www.dmsjuridica.com\/buscador_20179478954\/corteconstitucionalcronologico202454587\/t-420-92\/\" class=\"_self pt-cv-readmore btn btn-success\" target=\"_self\">Ver Sentencia Completa...<\/a><\/div><\/div><\/div><\/div>\n<div class=\"col-md-12 col-sm-12 col-xs-12 pt-cv-content-item pt-cv-1-col\" ><div class='pt-cv-ifield'><a href=\"https:\/\/www.dmsjuridica.com\/buscador_20179478954\/corteconstitucionalcronologico202454587\/t-419-92\/\" class=\"_self pt-cv-href-thumbnail pt-cv-thumb-default\" target=\"_self\" ><\/a>\n<div class=\"pt-cv-taxoterm above_title\"><a href='https:\/\/www.dmsjuridica.com\/buscador_20179478954\/corteconstitucionalcronologico202454587\/category\/buscar-en-toda-la-corte\/1992\/tutelas\/' title='Tutelas 1992' class='pt-cv-tax-tutelas'>Tutelas 1992<\/a><\/div>\n<h4 class=\"pt-cv-title\"><a href=\"https:\/\/www.dmsjuridica.com\/buscador_20179478954\/corteconstitucionalcronologico202454587\/t-419-92\/\" class=\"_self\" target=\"_self\" >T 419 92<\/a><\/h4>\n<div class=\"pt-cv-content\">T-419-92 Sentencia No. T-419\/92 DERECHO A LA INICIATIVA PRIVADA\/DERECHO A LA LIBRE EMPRESA\/DERECHO A LA PROPIEDAD\/LIBERTAD ECONOMICA El Secretario de Hacienda desconoci\u00f3 el principio de libertad econ\u00f3mica y de contera el derecho a la propiedad privada al exigir un requisito que la ley de su parte no establece, esta medida constitucional, cabalmente va dirigida a extirpar esta abusiva pr\u00e1ctica de abrumar al ciudadano de constancias, certificaciones y requisitos no previstos por el legislador sino ideados por la administraci\u00f3n y que en vez de facilitar la actividad de \u00e9sta muchas veces la entorpece, porque tal obstaculizaci\u00f3n puede resultar en que el ...<br \/><div class=\"pt-cv-rmwrap\"><a href=\"https:\/\/www.dmsjuridica.com\/buscador_20179478954\/corteconstitucionalcronologico202454587\/t-419-92\/\" class=\"_self pt-cv-readmore btn btn-success\" target=\"_self\">Ver Sentencia Completa...<\/a><\/div><\/div><\/div><\/div>\n<div class=\"col-md-12 col-sm-12 col-xs-12 pt-cv-content-item pt-cv-1-col\" ><div class='pt-cv-ifield'><a href=\"https:\/\/www.dmsjuridica.com\/buscador_20179478954\/corteconstitucionalcronologico202454587\/t-418-92\/\" class=\"_self pt-cv-href-thumbnail pt-cv-thumb-default\" target=\"_self\" ><\/a>\n<div class=\"pt-cv-taxoterm above_title\"><a href='https:\/\/www.dmsjuridica.com\/buscador_20179478954\/corteconstitucionalcronologico202454587\/category\/buscar-en-toda-la-corte\/1992\/tutelas\/' title='Tutelas 1992' class='pt-cv-tax-tutelas'>Tutelas 1992<\/a><\/div>\n<h4 class=\"pt-cv-title\"><a href=\"https:\/\/www.dmsjuridica.com\/buscador_20179478954\/corteconstitucionalcronologico202454587\/t-418-92\/\" class=\"_self\" target=\"_self\" >T 418 92<\/a><\/h4>\n<div class=\"pt-cv-content\">T-418-92 Sentencia No. T-418\/92B ACCION DE TUTELA-Titularidad\/SINDICATO Est\u00e1n legitimados los sindicatos para demandar la tutela del derecho de sindicalizaci\u00f3n y otros consecuenciales considerados por ellos como violados respecto de la cuesti\u00f3n de afiliaci\u00f3n de los trabajadores, porque, de darse la infracci\u00f3n repercute ello en la subsistencia de tales organizaciones, cuyo n\u00famero de afiliados podr\u00eda disminu\u00edrse por debajo del m\u00ednimo legal requerido para existir como tales. ACCION DE TUTELA CONTRA PARTICULARES No obstante ser persona de derecho privado la parte demandada de la acci\u00f3n de tutela, es procedente \u00e9sta por encontrarse los Sindicatos y sus trabadores en estado de subordinaci\u00f3n frente ...<br \/><div class=\"pt-cv-rmwrap\"><a href=\"https:\/\/www.dmsjuridica.com\/buscador_20179478954\/corteconstitucionalcronologico202454587\/t-418-92\/\" class=\"_self pt-cv-readmore btn btn-success\" target=\"_self\">Ver Sentencia Completa...<\/a><\/div><\/div><\/div><\/div>\n<div class=\"col-md-12 col-sm-12 col-xs-12 pt-cv-content-item pt-cv-1-col\" ><div class='pt-cv-ifield'><a href=\"https:\/\/www.dmsjuridica.com\/buscador_20179478954\/corteconstitucionalcronologico202454587\/t-415-92\/\" class=\"_self pt-cv-href-thumbnail pt-cv-thumb-default\" target=\"_self\" ><\/a>\n<div class=\"pt-cv-taxoterm above_title\"><a href='https:\/\/www.dmsjuridica.com\/buscador_20179478954\/corteconstitucionalcronologico202454587\/category\/buscar-en-toda-la-corte\/1992\/tutelas\/' title='Tutelas 1992' class='pt-cv-tax-tutelas'>Tutelas 1992<\/a><\/div>\n<h4 class=\"pt-cv-title\"><a href=\"https:\/\/www.dmsjuridica.com\/buscador_20179478954\/corteconstitucionalcronologico202454587\/t-415-92\/\" class=\"_self\" target=\"_self\" >T 415 92<\/a><\/h4>\n<div class=\"pt-cv-content\">T-415-92 Sentencia No. T-415\/92 DERECHO AL AMBIENTE SANO\/DERECHOS FUNDAMENTALES El derecho al medio ambiente y en general, los derechos de la llamada tercera generaci\u00f3n, han sido concebidos como un conjunto de condiciones b\u00e1sicas que rodean al hombre, que circundan su vida como miembro de la comunidad y que le permiten su supervivencia biol\u00f3gica e individual, adem\u00e1s de su desempe\u00f1o normal y desarrollo integral en el medio social. De esta manera deben entenderse como fundamentales para la supervivencia de la especie humana. Nuestra Constituci\u00f3n consagra no s\u00f3lo la protecci\u00f3n de los derechos fundamentales cuandoquiera que est\u00e9n afectados por da\u00f1os ambientales, sino ...<br \/><div class=\"pt-cv-rmwrap\"><a href=\"https:\/\/www.dmsjuridica.com\/buscador_20179478954\/corteconstitucionalcronologico202454587\/t-415-92\/\" class=\"_self pt-cv-readmore btn btn-success\" target=\"_self\">Ver Sentencia Completa...<\/a><\/div><\/div><\/div><\/div>\n<div class=\"col-md-12 col-sm-12 col-xs-12 pt-cv-content-item pt-cv-1-col\" ><div class='pt-cv-ifield'><a href=\"https:\/\/www.dmsjuridica.com\/buscador_20179478954\/corteconstitucionalcronologico202454587\/t-414-92\/\" class=\"_self pt-cv-href-thumbnail pt-cv-thumb-default\" target=\"_self\" ><\/a>\n<div class=\"pt-cv-taxoterm above_title\"><a href='https:\/\/www.dmsjuridica.com\/buscador_20179478954\/corteconstitucionalcronologico202454587\/category\/buscar-en-toda-la-corte\/1992\/tutelas\/' title='Tutelas 1992' class='pt-cv-tax-tutelas'>Tutelas 1992<\/a><\/div>\n<h4 class=\"pt-cv-title\"><a href=\"https:\/\/www.dmsjuridica.com\/buscador_20179478954\/corteconstitucionalcronologico202454587\/t-414-92\/\" class=\"_self\" target=\"_self\" >T 414 92<\/a><\/h4>\n<div class=\"pt-cv-content\">T-414-92 Sentencia No. T-414\/92 DERECHO A LA INTIMIDAD PERSONAL Y FAMILIAR\/DERECHO A LA INFORMACION Se protege la intimidad como una forma de asegurar la paz y la tranquilidad que exige el desarrollo f\u00edsico, intelectual y moral de las personas, vale decir, como un derecho de la personalidad. Esta particular naturaleza suya determina que la intimidad sea tambi\u00e9n un derecho general, absoluto, extrapatrimonial, inalienable e imprescriptible y que se pueda hacer valer \"erga omnes\", tanto frente al Estado como a los particulares. En consecuencia, toda persona, por el hecho de serlo, es titular a priori de este derecho y el \u00fanico ...<br \/><div class=\"pt-cv-rmwrap\"><a href=\"https:\/\/www.dmsjuridica.com\/buscador_20179478954\/corteconstitucionalcronologico202454587\/t-414-92\/\" class=\"_self pt-cv-readmore btn btn-success\" target=\"_self\">Ver Sentencia Completa...<\/a><\/div><\/div><\/div><\/div>\n<div class=\"col-md-12 col-sm-12 col-xs-12 pt-cv-content-item pt-cv-1-col\" ><div class='pt-cv-ifield'><a href=\"https:\/\/www.dmsjuridica.com\/buscador_20179478954\/corteconstitucionalcronologico202454587\/t-413-92\/\" class=\"_self pt-cv-href-thumbnail pt-cv-thumb-default\" target=\"_self\" ><\/a>\n<div class=\"pt-cv-taxoterm above_title\"><a href='https:\/\/www.dmsjuridica.com\/buscador_20179478954\/corteconstitucionalcronologico202454587\/category\/buscar-en-toda-la-corte\/1992\/tutelas\/' title='Tutelas 1992' class='pt-cv-tax-tutelas'>Tutelas 1992<\/a><\/div>\n<h4 class=\"pt-cv-title\"><a href=\"https:\/\/www.dmsjuridica.com\/buscador_20179478954\/corteconstitucionalcronologico202454587\/t-413-92\/\" class=\"_self\" target=\"_self\" >T 413 92<\/a><\/h4>\n<div class=\"pt-cv-content\">T-413-92 Sentencia No. T-413\/92 JURISDICCION CONSTITUCIONAL\/ACCION DE TUTELA CONTRA SENTENCIAS\/TRIBUNAL DISCIPLINARIO\/COMPETENCIA DE TUTELA La jurisdicci\u00f3n constitucional es, pues, paralela y bien puede ser ejercida por los mismos jueces que act\u00faan en el \u00e1mbito de otras jurisdicciones sin que respecto de ellas se prediquen las mismas jerarqu\u00edas y niveles de dichas jurisdicciones. Es precisamente esto lo que permite, por ejemplo, que una Sala de la Corte Suprema pueda conocer de las tutelas contra sentencias de otra Sala de la misma corporaci\u00f3n. Por tratarse de la acci\u00f3n de tutela el Tribunal es \u00f3rgano de la jurisdicci\u00f3n constitucional difusa y en ella operan ...<br \/><div class=\"pt-cv-rmwrap\"><a href=\"https:\/\/www.dmsjuridica.com\/buscador_20179478954\/corteconstitucionalcronologico202454587\/t-413-92\/\" class=\"_self pt-cv-readmore btn btn-success\" target=\"_self\">Ver Sentencia Completa...<\/a><\/div><\/div><\/div><\/div>\n<div class=\"col-md-12 col-sm-12 col-xs-12 pt-cv-content-item pt-cv-1-col\" ><div class='pt-cv-ifield'><a href=\"https:\/\/www.dmsjuridica.com\/buscador_20179478954\/corteconstitucionalcronologico202454587\/t-412-92\/\" class=\"_self pt-cv-href-thumbnail pt-cv-thumb-default\" target=\"_self\" ><\/a>\n<div class=\"pt-cv-taxoterm above_title\"><a href='https:\/\/www.dmsjuridica.com\/buscador_20179478954\/corteconstitucionalcronologico202454587\/category\/buscar-en-toda-la-corte\/1992\/tutelas\/' title='Tutelas 1992' class='pt-cv-tax-tutelas'>Tutelas 1992<\/a><\/div>\n<h4 class=\"pt-cv-title\"><a href=\"https:\/\/www.dmsjuridica.com\/buscador_20179478954\/corteconstitucionalcronologico202454587\/t-412-92\/\" class=\"_self\" target=\"_self\" >T 412 92<\/a><\/h4>\n<div class=\"pt-cv-content\">T-412-92 Sentencia No. T-412\/92 ACCION DE TUTELA CONTRA PARTICULARES\/CONSTRE\u00d1IMIENTO ILEGAL En el numeral 4 del art\u00edculo 42 del Decreto 2591\/91 se protegen los derechos fundamentales que pueden ser vulnerados o amenazados por una organizaci\u00f3n privada con la sola condici\u00f3n de la relaci\u00f3n de subordinaci\u00f3n o indefensi\u00f3n con tal organizaci\u00f3n, es decir no se condiciona al ejercicio de determinado derecho, sino que se hace referencia a una situaci\u00f3n concreta. Cuando la persona es constre\u00f1ida, mediante una conducta il\u00edcita, a realizar el pago de una obligaci\u00f3n, se encuentra en una clara situaci\u00f3n de indefensi\u00f3n, pues ante un cobro extraproceso, no puede ejercer ...<br \/><div class=\"pt-cv-rmwrap\"><a href=\"https:\/\/www.dmsjuridica.com\/buscador_20179478954\/corteconstitucionalcronologico202454587\/t-412-92\/\" class=\"_self pt-cv-readmore btn btn-success\" target=\"_self\">Ver Sentencia Completa...<\/a><\/div><\/div><\/div><\/div>\n<div class=\"col-md-12 col-sm-12 col-xs-12 pt-cv-content-item pt-cv-1-col\" ><div class='pt-cv-ifield'><a href=\"https:\/\/www.dmsjuridica.com\/buscador_20179478954\/corteconstitucionalcronologico202454587\/t-411-92\/\" class=\"_self pt-cv-href-thumbnail pt-cv-thumb-default\" target=\"_self\" ><\/a>\n<div class=\"pt-cv-taxoterm above_title\"><a href='https:\/\/www.dmsjuridica.com\/buscador_20179478954\/corteconstitucionalcronologico202454587\/category\/buscar-en-toda-la-corte\/1992\/tutelas\/' title='Tutelas 1992' class='pt-cv-tax-tutelas'>Tutelas 1992<\/a><\/div>\n<h4 class=\"pt-cv-title\"><a href=\"https:\/\/www.dmsjuridica.com\/buscador_20179478954\/corteconstitucionalcronologico202454587\/t-411-92\/\" class=\"_self\" target=\"_self\" >T 411 92<\/a><\/h4>\n<div class=\"pt-cv-content\">T-411-92 Sentencia No. T-411\/92 ACCION DE TUTELA-Titularidad\/PERSONA JURIDICA\/DERECHOS FUNDAMENTALES Sobre la titularidad de las personas jur\u00eddicas respecto de la acci\u00f3n de tutela, esta Sala considera que ellas son ciertamente titulares de la acci\u00f3n. Las personas jur\u00eddicas poseen derechos constitucionales fundamentales por dos v\u00edas: a) indirectamente: cuando la esencialidad de la protecci\u00f3n gira alrededor de la tutela de los derechos constitucionales fundamentales de las personas naturales asociadas y b) directamente: cuando las personas jur\u00eddicas son titulares de derechos fundamentales no porque act\u00faan en sustituci\u00f3n de sus miembros, sino que lo son por s\u00ed mismas, siempre, claro est\u00e1, que esos derechos por ...<br \/><div class=\"pt-cv-rmwrap\"><a href=\"https:\/\/www.dmsjuridica.com\/buscador_20179478954\/corteconstitucionalcronologico202454587\/t-411-92\/\" class=\"_self pt-cv-readmore btn btn-success\" target=\"_self\">Ver Sentencia Completa...<\/a><\/div><\/div><\/div><\/div>\n<div class=\"col-md-12 col-sm-12 col-xs-12 pt-cv-content-item pt-cv-1-col\" ><div class='pt-cv-ifield'><a href=\"https:\/\/www.dmsjuridica.com\/buscador_20179478954\/corteconstitucionalcronologico202454587\/t-410-92\/\" class=\"_self pt-cv-href-thumbnail pt-cv-thumb-default\" target=\"_self\" ><\/a>\n<div class=\"pt-cv-taxoterm above_title\"><a href='https:\/\/www.dmsjuridica.com\/buscador_20179478954\/corteconstitucionalcronologico202454587\/category\/buscar-en-toda-la-corte\/1992\/tutelas\/' title='Tutelas 1992' class='pt-cv-tax-tutelas'>Tutelas 1992<\/a><\/div>\n<h4 class=\"pt-cv-title\"><a href=\"https:\/\/www.dmsjuridica.com\/buscador_20179478954\/corteconstitucionalcronologico202454587\/t-410-92\/\" class=\"_self\" target=\"_self\" >T 410 92<\/a><\/h4>\n<div class=\"pt-cv-content\">T-410-92 Sentencia No. T-410\/92 DERECHO AL TRABAJO\/ACCION DE TUTELA\/IGUALDAD ANTE LA LEY\/CARRERA ADMINISTRATIVA La reubicaci\u00f3n e incorporaci\u00f3n a cargos de igual o superior categor\u00eda al que ven\u00edan ejerciendo los peticionarios, es un fin al que s\u00f3lo podr\u00edan aspirar a trav\u00e9s de una acci\u00f3n como la de tutela, dise\u00f1ada precisamente para proteger los derechos constitucionales fundamentales cuando fueren amenazados o vulnerados por la acci\u00f3n u omisi\u00f3n -como en este caso- de una autoridad p\u00fablica, sin que exista otro medio de defensa judicial Se trata, seg\u00fan el expediente, de personas vinculadas a la Carrera Administrativa, titulares por ello de unos derechos adquiridos ...<br \/><div class=\"pt-cv-rmwrap\"><a href=\"https:\/\/www.dmsjuridica.com\/buscador_20179478954\/corteconstitucionalcronologico202454587\/t-410-92\/\" class=\"_self pt-cv-readmore btn btn-success\" target=\"_self\">Ver Sentencia Completa...<\/a><\/div><\/div><\/div><\/div>\n<div class=\"col-md-12 col-sm-12 col-xs-12 pt-cv-content-item pt-cv-1-col\" ><div class='pt-cv-ifield'><a href=\"https:\/\/www.dmsjuridica.com\/buscador_20179478954\/corteconstitucionalcronologico202454587\/t-409-92\/\" class=\"_self pt-cv-href-thumbnail pt-cv-thumb-default\" target=\"_self\" ><\/a>\n<div class=\"pt-cv-taxoterm above_title\"><a href='https:\/\/www.dmsjuridica.com\/buscador_20179478954\/corteconstitucionalcronologico202454587\/category\/buscar-en-toda-la-corte\/1992\/tutelas\/' title='Tutelas 1992' class='pt-cv-tax-tutelas'>Tutelas 1992<\/a><\/div>\n<h4 class=\"pt-cv-title\"><a href=\"https:\/\/www.dmsjuridica.com\/buscador_20179478954\/corteconstitucionalcronologico202454587\/t-409-92\/\" class=\"_self\" target=\"_self\" >T 409 92<\/a><\/h4>\n<div class=\"pt-cv-content\">T-409-92 Sentencia No. T-409\/92 SERVICIO MILITAR\/IGUALDAD ANTE LA LEY\/LIBERTAD DE CONCIENCIA\/OBJECION DE CONCIENCIA La obligaci\u00f3n de prestar el servicio militar es desarrollo del postulado seg\u00fan el cual los intereses colectivos prevalecen sobre los individuales y si, adem\u00e1s, el Estado al exigirlo no puede desconocer la igualdad de las personas ante la ley, cuyos dictados deben ser objetivos e imparciales, es evidente que la objeci\u00f3n de conciencia para que pueda invocarse, requiere de su expresa institucionalizaci\u00f3n dentro del respectivo ordenamiento jur\u00eddico. El servicio militar en s\u00ed mismo, es decir como actividad gen\u00e9ricamente considerada, carece de connotaciones que puedan afectar el \u00e1mbito ...<br \/><div class=\"pt-cv-rmwrap\"><a href=\"https:\/\/www.dmsjuridica.com\/buscador_20179478954\/corteconstitucionalcronologico202454587\/t-409-92\/\" class=\"_self pt-cv-readmore btn btn-success\" target=\"_self\">Ver Sentencia Completa...<\/a><\/div><\/div><\/div><\/div>\n<div class=\"col-md-12 col-sm-12 col-xs-12 pt-cv-content-item pt-cv-1-col\" ><div class='pt-cv-ifield'><a href=\"https:\/\/www.dmsjuridica.com\/buscador_20179478954\/corteconstitucionalcronologico202454587\/t-408-92\/\" class=\"_self pt-cv-href-thumbnail pt-cv-thumb-default\" target=\"_self\" ><\/a>\n<div class=\"pt-cv-taxoterm above_title\"><a href='https:\/\/www.dmsjuridica.com\/buscador_20179478954\/corteconstitucionalcronologico202454587\/category\/buscar-en-toda-la-corte\/1992\/tutelas\/' title='Tutelas 1992' class='pt-cv-tax-tutelas'>Tutelas 1992<\/a><\/div>\n<h4 class=\"pt-cv-title\"><a href=\"https:\/\/www.dmsjuridica.com\/buscador_20179478954\/corteconstitucionalcronologico202454587\/t-408-92\/\" class=\"_self\" target=\"_self\" >T 408 92<\/a><\/h4>\n<div class=\"pt-cv-content\">T-408-92 Sentencia No. T-408\/92 ACCION DE TUTELA-Improcedencia\/MEDICINA HOMEOPATICA\/ACTO ADMINISTRATIVO\/JURISDICCION CONTENCIOSO ADMINISTRATIVA\/COMPETENCIA El accionante habr\u00eda podido acudir a la jurisdicci\u00f3n de lo Contencioso Administrativo para impetrar la nulidad del acto que le imped\u00eda continuar en el ejercicio de la medicina homeop\u00e1tica y solicitar que, como consecuencia de ello, se le restableciera en su derecho. Mal podr\u00eda caber la acci\u00f3n de tutela cuando la actuaci\u00f3n administrativa se produce en desarrollo de la responsabilidad confiada a las autoridades en cuanto a la inspecci\u00f3n y vigilancia del ejercicio de las profesiones, si de lo que se trata es de garantizar en el caso concreto ...<br \/><div class=\"pt-cv-rmwrap\"><a href=\"https:\/\/www.dmsjuridica.com\/buscador_20179478954\/corteconstitucionalcronologico202454587\/t-408-92\/\" class=\"_self pt-cv-readmore btn btn-success\" target=\"_self\">Ver Sentencia Completa...<\/a><\/div><\/div><\/div><\/div>\n<div class=\"col-md-12 col-sm-12 col-xs-12 pt-cv-content-item pt-cv-1-col\" ><div class='pt-cv-ifield'><a href=\"https:\/\/www.dmsjuridica.com\/buscador_20179478954\/corteconstitucionalcronologico202454587\/t-407-92\/\" class=\"_self pt-cv-href-thumbnail pt-cv-thumb-default\" target=\"_self\" ><\/a>\n<div class=\"pt-cv-taxoterm above_title\"><a href='https:\/\/www.dmsjuridica.com\/buscador_20179478954\/corteconstitucionalcronologico202454587\/category\/buscar-en-toda-la-corte\/1992\/tutelas\/' title='Tutelas 1992' class='pt-cv-tax-tutelas'>Tutelas 1992<\/a><\/div>\n<h4 class=\"pt-cv-title\"><a href=\"https:\/\/www.dmsjuridica.com\/buscador_20179478954\/corteconstitucionalcronologico202454587\/t-407-92\/\" class=\"_self\" target=\"_self\" >T 407 92<\/a><\/h4>\n<div class=\"pt-cv-content\">T-407-92 Sentencia No. T-407\/92 DERECHO AL TRABAJO\/DERECHOS FUNDAMENTALES\/LIBERTAD DE TRABAJO El derecho al trabajo, es decir, el desempe\u00f1o libre de actividad personal leg\u00edtima que entra\u00f1a la obtenci\u00f3n de estipendios econ\u00f3micos que sufragan necesidades de la persona y su n\u00facleo familiar y que debe prestarse en condiciones dignas y justas, pertenece a la categor\u00eda de los derechos fundamentales y a \u00e9l se refieren los art\u00edculos 25 y 26 de la CP. Se reconoce la libertad de trabajo. ACCION DE TUTELA-Improcedencia\/DERECHO AL TRABAJO\/ IUS VARIANDI Consiste el jus variandi en la facultad que tiene el patrono de alterar las condiciones de trabajo ...<br \/><div class=\"pt-cv-rmwrap\"><a href=\"https:\/\/www.dmsjuridica.com\/buscador_20179478954\/corteconstitucionalcronologico202454587\/t-407-92\/\" class=\"_self pt-cv-readmore btn btn-success\" target=\"_self\">Ver Sentencia Completa...<\/a><\/div><\/div><\/div><\/div>\n<div class=\"col-md-12 col-sm-12 col-xs-12 pt-cv-content-item pt-cv-1-col\" ><div class='pt-cv-ifield'><a href=\"https:\/\/www.dmsjuridica.com\/buscador_20179478954\/corteconstitucionalcronologico202454587\/t-406-92\/\" class=\"_self pt-cv-href-thumbnail pt-cv-thumb-default\" target=\"_self\" ><\/a>\n<div class=\"pt-cv-taxoterm above_title\"><a href='https:\/\/www.dmsjuridica.com\/buscador_20179478954\/corteconstitucionalcronologico202454587\/category\/buscar-en-toda-la-corte\/1992\/tutelas\/' title='Tutelas 1992' class='pt-cv-tax-tutelas'>Tutelas 1992<\/a><\/div>\n<h4 class=\"pt-cv-title\"><a href=\"https:\/\/www.dmsjuridica.com\/buscador_20179478954\/corteconstitucionalcronologico202454587\/t-406-92\/\" class=\"_self\" target=\"_self\" >T 406 92<\/a><\/h4>\n<div class=\"pt-cv-content\">T-406-92 Sentencia No. T-406\/92 ESTADO SOCIAL DE DERECHO\/JUEZ DE TUTELA El juez, en el Estado social de derecho tambi\u00e9n es un portador de la visi\u00f3n institucional del inter\u00e9s general. El juez, al poner en relaci\u00f3n la Constituci\u00f3n -sus principios y sus normas- con la ley y con los hechos hace uso de una discrecionalidad interpretativa que necesariamente delimita el sentido pol\u00edtico de los textos constitucionales. En este sentido la legislaci\u00f3n y la decisi\u00f3n judicial son ambas procesos de creaci\u00f3n de derecho. CONSTITUCION POLITICA\/VALORES CONSTITUCIONALES\/PRINCIPIOS CONSTITUCIONALES La Constituci\u00f3n esta concebida de tal manera que la parte org\u00e1nica de la misma solo ...<br \/><div class=\"pt-cv-rmwrap\"><a href=\"https:\/\/www.dmsjuridica.com\/buscador_20179478954\/corteconstitucionalcronologico202454587\/t-406-92\/\" class=\"_self pt-cv-readmore btn btn-success\" target=\"_self\">Ver Sentencia Completa...<\/a><\/div><\/div><\/div><\/div>\n<div class=\"col-md-12 col-sm-12 col-xs-12 pt-cv-content-item pt-cv-1-col\" ><div class='pt-cv-ifield'><a href=\"https:\/\/www.dmsjuridica.com\/buscador_20179478954\/corteconstitucionalcronologico202454587\/t-405-92\/\" class=\"_self pt-cv-href-thumbnail pt-cv-thumb-default\" target=\"_self\" ><\/a>\n<div class=\"pt-cv-taxoterm above_title\"><a href='https:\/\/www.dmsjuridica.com\/buscador_20179478954\/corteconstitucionalcronologico202454587\/category\/buscar-en-toda-la-corte\/1992\/tutelas\/' title='Tutelas 1992' class='pt-cv-tax-tutelas'>Tutelas 1992<\/a><\/div>\n<h4 class=\"pt-cv-title\"><a href=\"https:\/\/www.dmsjuridica.com\/buscador_20179478954\/corteconstitucionalcronologico202454587\/t-405-92\/\" class=\"_self\" target=\"_self\" >T 405 92<\/a><\/h4>\n<div class=\"pt-cv-content\">T-405-92 Sentencia No. T-405\/92 ACCION DE TUTELA-Improcedencia\/CONTRALOR MUNICIPAL\/REVOCATORIA DE NOMBRAMIENTO\/PROCESO CONTENCIOSO ADMINISTRATIVO\/PRINCIPIO DE SUBSIDIARIEDAD La acci\u00f3n de tutela no puede concebirse ni utilizarse como medio judicial que sustituya los mecanismos previstos en la Constituci\u00f3n y en las leyes de la Rep\u00fablica, ni como proceso alternativo que el interesado pueda escoger a cambio de los ordinarios o especiales, tambi\u00e9n establecidos para administrar justicia y para hacer efectivos los derechos consagrados en la Carta Pol\u00edtica. El actor habr\u00eda podido intentar la nulidad del acto por medio del cual se revoc\u00f3 su elecci\u00f3n y el restablecimiento del derecho que en virtud de \u00e9l ...<br \/><div class=\"pt-cv-rmwrap\"><a href=\"https:\/\/www.dmsjuridica.com\/buscador_20179478954\/corteconstitucionalcronologico202454587\/t-405-92\/\" class=\"_self pt-cv-readmore btn btn-success\" target=\"_self\">Ver Sentencia Completa...<\/a><\/div><\/div><\/div><\/div>\n<div class=\"col-md-12 col-sm-12 col-xs-12 pt-cv-content-item pt-cv-1-col\" ><div class='pt-cv-ifield'><a href=\"https:\/\/www.dmsjuridica.com\/buscador_20179478954\/corteconstitucionalcronologico202454587\/t-404-92\/\" class=\"_self pt-cv-href-thumbnail pt-cv-thumb-default\" target=\"_self\" ><\/a>\n<div class=\"pt-cv-taxoterm above_title\"><a href='https:\/\/www.dmsjuridica.com\/buscador_20179478954\/corteconstitucionalcronologico202454587\/category\/buscar-en-toda-la-corte\/1992\/tutelas\/' title='Tutelas 1992' class='pt-cv-tax-tutelas'>Tutelas 1992<\/a><\/div>\n<h4 class=\"pt-cv-title\"><a href=\"https:\/\/www.dmsjuridica.com\/buscador_20179478954\/corteconstitucionalcronologico202454587\/t-404-92\/\" class=\"_self\" target=\"_self\" >T 404 92<\/a><\/h4>\n<div class=\"pt-cv-content\">T-404-92 Sentencia No. T-404\/92 ACCION DE TUTELA-Improcedencia\/CONTRALOR AUXILIAR-Periodo\/PROCESO CONTENCIOSO ADMINISTRATIVO\/PRINCIPIO DE SUBSIDIARIEDAD Al haberse producido el hecho de una nueva elecci\u00f3n para el cargo de Contralor Auxiliar por acto de la Asamblea Departamental, con antelaci\u00f3n al vencimiento del periodo, pudo, en efecto, haberse vulnerado el derecho del accionante a su trabajo, pues su periodo no necesariamente estaba atado al del Contralor del Departamento, pero la definici\u00f3n acerca de si la Asamblea se atuvo en esta materia a las pertinentes disposiciones del C\u00f3digo de R\u00e9gimen Municipal y del C\u00f3digo Fiscal del Departamento, no era algo que pudiera discernirse dentro del sumario ...<br \/><div class=\"pt-cv-rmwrap\"><a href=\"https:\/\/www.dmsjuridica.com\/buscador_20179478954\/corteconstitucionalcronologico202454587\/t-404-92\/\" class=\"_self pt-cv-readmore btn btn-success\" target=\"_self\">Ver Sentencia Completa...<\/a><\/div><\/div><\/div><\/div>\n<div class=\"col-md-12 col-sm-12 col-xs-12 pt-cv-content-item pt-cv-1-col\" ><div class='pt-cv-ifield'><a href=\"https:\/\/www.dmsjuridica.com\/buscador_20179478954\/corteconstitucionalcronologico202454587\/t-403-92\/\" class=\"_self pt-cv-href-thumbnail pt-cv-thumb-default\" target=\"_self\" ><\/a>\n<div class=\"pt-cv-taxoterm above_title\"><a href='https:\/\/www.dmsjuridica.com\/buscador_20179478954\/corteconstitucionalcronologico202454587\/category\/buscar-en-toda-la-corte\/1992\/tutelas\/' title='Tutelas 1992' class='pt-cv-tax-tutelas'>Tutelas 1992<\/a><\/div>\n<h4 class=\"pt-cv-title\"><a href=\"https:\/\/www.dmsjuridica.com\/buscador_20179478954\/corteconstitucionalcronologico202454587\/t-403-92\/\" class=\"_self\" target=\"_self\" >T 403 92<\/a><\/h4>\n<div class=\"pt-cv-content\">T-403-92 Sentencia No. T-403\/92 DERECHOS FUNDAMENTALES-Primac\u00eda\/DERECHOS DE APLICACION INMEDIATA La opci\u00f3n por la primac\u00eda de los derechos fundamentales sobre las llamadas \"razones de estado\", hist\u00f3ricamente esgrimidas por la autoridad para limitar el ejercicio de los derechos y libertades ciudadanas, en aras de la defensa in abstracto de valores y nociones como \"la moral\", el \"orden p\u00fablico\", las \"buenas costumbres\" o el \"inter\u00e9s general\", llev\u00f3 al constituyente de 1991 a postular derechos de aplicaci\u00f3n inmediata que no requieren de desarrollo legal para ser exigibles. El libre ejercicio de derechos no condicionados a lo establecido por la ley, as\u00ed como la prohibici\u00f3n ...<br \/><div class=\"pt-cv-rmwrap\"><a href=\"https:\/\/www.dmsjuridica.com\/buscador_20179478954\/corteconstitucionalcronologico202454587\/t-403-92\/\" class=\"_self pt-cv-readmore btn btn-success\" target=\"_self\">Ver Sentencia Completa...<\/a><\/div><\/div><\/div><\/div>\n<div class=\"col-md-12 col-sm-12 col-xs-12 pt-cv-content-item pt-cv-1-col\" ><div class='pt-cv-ifield'><a href=\"https:\/\/www.dmsjuridica.com\/buscador_20179478954\/corteconstitucionalcronologico202454587\/t-402-92\/\" class=\"_self pt-cv-href-thumbnail pt-cv-thumb-default\" target=\"_self\" ><\/a>\n<div class=\"pt-cv-taxoterm above_title\"><a href='https:\/\/www.dmsjuridica.com\/buscador_20179478954\/corteconstitucionalcronologico202454587\/category\/buscar-en-toda-la-corte\/1992\/tutelas\/' title='Tutelas 1992' class='pt-cv-tax-tutelas'>Tutelas 1992<\/a><\/div>\n<h4 class=\"pt-cv-title\"><a href=\"https:\/\/www.dmsjuridica.com\/buscador_20179478954\/corteconstitucionalcronologico202454587\/t-402-92\/\" class=\"_self\" target=\"_self\" >T 402 92<\/a><\/h4>\n<div class=\"pt-cv-content\">T-402-92 Sentencia No. T-402\/92 DERECHOS FUNDAMENTALES-Determinaci\u00f3n\/DERECHOS DEL NI\u00d1O\/DERECHO A EDUCAR Algunos derechos, por ser inherentes a la persona humana son fundamentales (v. gr. derecho a la vida, libertad de locomoci\u00f3n etc). Otros, no son fundamentales para algunas personas, pero s\u00ed para otras que se encuentran en circunstancias espec\u00edficas u ostentan determinada condici\u00f3n: es el caso del derecho a la salud que, no siendo inherente a la persona, tampoco es derecho fundamental ni tiene aplicaci\u00f3n inmediata, pero que, trat\u00e1ndose de los ni\u00f1os, s\u00ed adquiere car\u00e1cter fundamental. En raz\u00f3n de su condici\u00f3n de debilidad manifiesta, e incapacidad f\u00edsica y mental para llevar ...<br \/><div class=\"pt-cv-rmwrap\"><a href=\"https:\/\/www.dmsjuridica.com\/buscador_20179478954\/corteconstitucionalcronologico202454587\/t-402-92\/\" class=\"_self pt-cv-readmore btn btn-success\" target=\"_self\">Ver Sentencia Completa...<\/a><\/div><\/div><\/div><\/div>\n<div class=\"col-md-12 col-sm-12 col-xs-12 pt-cv-content-item pt-cv-1-col\" ><div class='pt-cv-ifield'><a href=\"https:\/\/www.dmsjuridica.com\/buscador_20179478954\/corteconstitucionalcronologico202454587\/t-401-92\/\" class=\"_self pt-cv-href-thumbnail pt-cv-thumb-default\" target=\"_self\" ><\/a>\n<div class=\"pt-cv-taxoterm above_title\"><a href='https:\/\/www.dmsjuridica.com\/buscador_20179478954\/corteconstitucionalcronologico202454587\/category\/buscar-en-toda-la-corte\/1992\/tutelas\/' title='Tutelas 1992' class='pt-cv-tax-tutelas'>Tutelas 1992<\/a><\/div>\n<h4 class=\"pt-cv-title\"><a href=\"https:\/\/www.dmsjuridica.com\/buscador_20179478954\/corteconstitucionalcronologico202454587\/t-401-92\/\" class=\"_self\" target=\"_self\" >T 401 92<\/a><\/h4>\n<div class=\"pt-cv-content\">T-401-92 Sentencia No. T-401\/92 DERECHO A LA LIBERTAD\/IGUALDAD ANTE LA LEY\/INIMPUTABLES\/MEDIDAS DE SEGURIDAD\/PRINCIPIO DE DIGNIDAD HUMANA La prolongaci\u00f3n indefinida de las medidas de seguridad vulner\u00f3 el derecho a la libertad consagrado en el art\u00edculo 28 de la Constituci\u00f3n Pol\u00edtica. Si bien los jueces al negarse a ordenar la cesaci\u00f3n de las medidas de seguridad, lo hac\u00edan en desarrollo de precisas competencias a ellos atribuidas por el C\u00f3digo Penal, no advirtieron, en las diferentes situaciones, c\u00f3mo los efectos de la ley contrariaban las mencionadas disposiciones constitucionales, justo a partir del momento en que perd\u00eda sustento la razonabilidad de las medidas de ...<br \/><div class=\"pt-cv-rmwrap\"><a href=\"https:\/\/www.dmsjuridica.com\/buscador_20179478954\/corteconstitucionalcronologico202454587\/t-401-92\/\" class=\"_self pt-cv-readmore btn btn-success\" target=\"_self\">Ver Sentencia Completa...<\/a><\/div><\/div><\/div><\/div>\n<div class=\"col-md-12 col-sm-12 col-xs-12 pt-cv-content-item pt-cv-1-col\" ><div class='pt-cv-ifield'><a href=\"https:\/\/www.dmsjuridica.com\/buscador_20179478954\/corteconstitucionalcronologico202454587\/t-225-92\/\" class=\"_self pt-cv-href-thumbnail pt-cv-thumb-default\" target=\"_self\" ><\/a>\n<div class=\"pt-cv-taxoterm above_title\"><a href='https:\/\/www.dmsjuridica.com\/buscador_20179478954\/corteconstitucionalcronologico202454587\/category\/buscar-en-toda-la-corte\/1992\/tutelas\/' title='Tutelas 1992' class='pt-cv-tax-tutelas'>Tutelas 1992<\/a><\/div>\n<h4 class=\"pt-cv-title\"><a href=\"https:\/\/www.dmsjuridica.com\/buscador_20179478954\/corteconstitucionalcronologico202454587\/t-225-92\/\" class=\"_self\" target=\"_self\" >T 225 92<\/a><\/h4>\n<div class=\"pt-cv-content\">T-225-92 Sentencia No. T-225 a 400\/92 ACCION DE TUTELA-Improcedencia\/ACTO GENERAL El acto regla o general no crea situaciones jur\u00eddicas subjetivas y concretas y, por lo mismo, tampoco puede lesionar por s\u00ed solo derechos de esta \u00edndole, que es lo que la Constituci\u00f3n y la ley requieren para que la acci\u00f3n de tutela sea viable, por cuya virtud, en consecuencia, \u00e9sta no procede. ACCION DE TUTELA-Procedencia\/ACTO PARTICULAR\/DERECHO SUBJETIVO En el acto administrativo, aunque en forma amplia pero no abstracta, se regulan situaciones jur\u00eddicas particulares y concretas de sujetos que, si bien no son mencionados por sus nombres, tienen una identidad espec\u00edfica ...<br \/><div class=\"pt-cv-rmwrap\"><a href=\"https:\/\/www.dmsjuridica.com\/buscador_20179478954\/corteconstitucionalcronologico202454587\/t-225-92\/\" class=\"_self pt-cv-readmore btn btn-success\" target=\"_self\">Ver Sentencia Completa...<\/a><\/div><\/div><\/div><\/div>\n<div class=\"col-md-12 col-sm-12 col-xs-12 pt-cv-content-item pt-cv-1-col\" ><div class='pt-cv-ifield'><a href=\"https:\/\/www.dmsjuridica.com\/buscador_20179478954\/corteconstitucionalcronologico202454587\/t-224-92\/\" class=\"_self pt-cv-href-thumbnail pt-cv-thumb-default\" target=\"_self\" ><\/a>\n<div class=\"pt-cv-taxoterm above_title\"><a href='https:\/\/www.dmsjuridica.com\/buscador_20179478954\/corteconstitucionalcronologico202454587\/category\/buscar-en-toda-la-corte\/1992\/tutelas\/' title='Tutelas 1992' class='pt-cv-tax-tutelas'>Tutelas 1992<\/a><\/div>\n<h4 class=\"pt-cv-title\"><a href=\"https:\/\/www.dmsjuridica.com\/buscador_20179478954\/corteconstitucionalcronologico202454587\/t-224-92\/\" class=\"_self\" target=\"_self\" >T 224 92<\/a><\/h4>\n<div class=\"pt-cv-content\">T-224-92 Sentencia No. T-224\/92 LIBERTAD DE CIRCULACION\/DERECHOS FUNDAMENTALES El derecho a la circulaci\u00f3n es un derecho fundamental del individuo que ata\u00f1e directamente a su propio desarrollo material e intelectual, consiste en la posibilidad de desplazarse libremente de un lugar a otro. Es por ello que el juez en un proceso de alimentos, no puede, por su propia voluntad, imponer limitaci\u00f3n a este derecho de circulaci\u00f3n, m\u00e1s a\u00fan cuando, la medida no era la \u00fanica posible, y exist\u00edan alternativas viables para no tener que llegar hasta el extremo de hacer nugatorio este derecho. DERECHO AL TRABAJO\/LIBERTAD DE TRABAJO La libertad de ...<br \/><div class=\"pt-cv-rmwrap\"><a href=\"https:\/\/www.dmsjuridica.com\/buscador_20179478954\/corteconstitucionalcronologico202454587\/t-224-92\/\" class=\"_self pt-cv-readmore btn btn-success\" target=\"_self\">Ver Sentencia Completa...<\/a><\/div><\/div><\/div><\/div>\n<div class=\"col-md-12 col-sm-12 col-xs-12 pt-cv-content-item pt-cv-1-col\" ><div class='pt-cv-ifield'><a href=\"https:\/\/www.dmsjuridica.com\/buscador_20179478954\/corteconstitucionalcronologico202454587\/t-223-92\/\" class=\"_self pt-cv-href-thumbnail pt-cv-thumb-default\" target=\"_self\" ><\/a>\n<div class=\"pt-cv-taxoterm above_title\"><a href='https:\/\/www.dmsjuridica.com\/buscador_20179478954\/corteconstitucionalcronologico202454587\/category\/buscar-en-toda-la-corte\/1992\/tutelas\/' title='Tutelas 1992' class='pt-cv-tax-tutelas'>Tutelas 1992<\/a><\/div>\n<h4 class=\"pt-cv-title\"><a href=\"https:\/\/www.dmsjuridica.com\/buscador_20179478954\/corteconstitucionalcronologico202454587\/t-223-92\/\" class=\"_self\" target=\"_self\" >T 223 92<\/a><\/h4>\n<div class=\"pt-cv-content\">T-223-92 Sentencia No. T-223\/92 ACCION DE TUTELA CONTRA SENTENCIAS\/SOBERANIA DEL PUEBLO- Autodeterminaci\u00f3n La tesis de la inimpugnabilidad judicial de las sentencias contrarias a los derechos fundamentales representa el m\u00e1s sutil traslado de la soberan\u00eda del pueblo a los jueces por ella institu\u00eddos, que as\u00ed quedan libres de toda atadura constitucional para coartar la democracia y los procesos sociales a trav\u00e9s de los cuales germina y se expresa la voluntad popular. No hay democracia sin autodeterminaci\u00f3n del pueblo; ni autodeterminaci\u00f3n del pueblo sin respeto hacia el ejercicio efectivo de los derechos fundamentales; ni respecto a los derechos fundamentales si su violaci\u00f3n ...<br \/><div class=\"pt-cv-rmwrap\"><a href=\"https:\/\/www.dmsjuridica.com\/buscador_20179478954\/corteconstitucionalcronologico202454587\/t-223-92\/\" class=\"_self pt-cv-readmore btn btn-success\" target=\"_self\">Ver Sentencia Completa...<\/a><\/div><\/div><\/div><\/div>\n<div class=\"col-md-12 col-sm-12 col-xs-12 pt-cv-content-item pt-cv-1-col\" ><div class='pt-cv-ifield'><a href=\"https:\/\/www.dmsjuridica.com\/buscador_20179478954\/corteconstitucionalcronologico202454587\/t-222-92\/\" class=\"_self pt-cv-href-thumbnail pt-cv-thumb-default\" target=\"_self\" ><\/a>\n<div class=\"pt-cv-taxoterm above_title\"><a href='https:\/\/www.dmsjuridica.com\/buscador_20179478954\/corteconstitucionalcronologico202454587\/category\/buscar-en-toda-la-corte\/1992\/tutelas\/' title='Tutelas 1992' class='pt-cv-tax-tutelas'>Tutelas 1992<\/a><\/div>\n<h4 class=\"pt-cv-title\"><a href=\"https:\/\/www.dmsjuridica.com\/buscador_20179478954\/corteconstitucionalcronologico202454587\/t-222-92\/\" class=\"_self\" target=\"_self\" >T 222 92<\/a><\/h4>\n<div class=\"pt-cv-content\">T-222-92 Sentencia No. T-222\/92 DERECHO A LA INTIMIDAD PERSONAL Y FAMILIAR La intimidad es un derecho que se proyecta en dos dimensiones a saber: como secreto de la vida privada y como libertad. Concebida como secreto, atentan contra ella todas aquellas divulgaciones ileg\u00edtimas de hechos propios de la vida privada o familiar o las investigaciones tambi\u00e9n ileg\u00edtimas de acontecimientos propios de dicha vida. Concebida como libertad individual, en cambio, trasciende y se realiza en el derecho de toda persona de tomar por s\u00ed sola decisiones que conciernen a la esfera de su vida privada. Es claro que los atentados contra ...<br \/><div class=\"pt-cv-rmwrap\"><a href=\"https:\/\/www.dmsjuridica.com\/buscador_20179478954\/corteconstitucionalcronologico202454587\/t-222-92\/\" class=\"_self pt-cv-readmore btn btn-success\" target=\"_self\">Ver Sentencia Completa...<\/a><\/div><\/div><\/div><\/div>\n<div class=\"col-md-12 col-sm-12 col-xs-12 pt-cv-content-item pt-cv-1-col\" ><div class='pt-cv-ifield'><a href=\"https:\/\/www.dmsjuridica.com\/buscador_20179478954\/corteconstitucionalcronologico202454587\/t-015-92\/\" class=\"_self pt-cv-href-thumbnail pt-cv-thumb-default\" target=\"_self\" ><\/a>\n<div class=\"pt-cv-taxoterm above_title\"><a href='https:\/\/www.dmsjuridica.com\/buscador_20179478954\/corteconstitucionalcronologico202454587\/category\/buscar-en-toda-la-corte\/1992\/tutelas\/' title='Tutelas 1992' class='pt-cv-tax-tutelas'>Tutelas 1992<\/a><\/div>\n<h4 class=\"pt-cv-title\"><a href=\"https:\/\/www.dmsjuridica.com\/buscador_20179478954\/corteconstitucionalcronologico202454587\/t-015-92\/\" class=\"_self\" target=\"_self\" >T 015 92<\/a><\/h4>\n<div class=\"pt-cv-content\">T-015-92 3 ACCION DE TUTELA-Objeto\/DERECHOS FUNDAMENTALES La acci\u00f3n de tutela est\u00e1 prevista como un mecanismo procesal espec\u00edfico y directo que tiene por objeto la protecci\u00f3n concreta e inmediata de los derechos constitucionales fundamentales, en una determinada situaci\u00f3n jur\u00eddica, cuando estos sean violados o se presente amenaza de su violaci\u00f3n, sin que se pueda plantear en esos estrados discusi\u00f3n jur\u00eddica sobre el derecho mismo. Es un medio espec\u00edfico, porque se contrae a la protecci\u00f3n inmediata de los derechos constitucionales fundamentales, de modo actual e inminente, y no a otros, y conduce, previa la solicitud, a la expedici\u00f3n de una declaraci\u00f3n judicial ...<br \/><div class=\"pt-cv-rmwrap\"><a href=\"https:\/\/www.dmsjuridica.com\/buscador_20179478954\/corteconstitucionalcronologico202454587\/t-015-92\/\" class=\"_self pt-cv-readmore btn btn-success\" target=\"_self\">Ver Sentencia Completa...<\/a><\/div><\/div><\/div><\/div>\n<div class=\"col-md-12 col-sm-12 col-xs-12 pt-cv-content-item pt-cv-1-col\" ><div class='pt-cv-ifield'><a href=\"https:\/\/www.dmsjuridica.com\/buscador_20179478954\/corteconstitucionalcronologico202454587\/t-014-92\/\" class=\"_self pt-cv-href-thumbnail pt-cv-thumb-default\" target=\"_self\" ><\/a>\n<div class=\"pt-cv-taxoterm above_title\"><a href='https:\/\/www.dmsjuridica.com\/buscador_20179478954\/corteconstitucionalcronologico202454587\/category\/buscar-en-toda-la-corte\/1992\/tutelas\/' title='Tutelas 1992' class='pt-cv-tax-tutelas'>Tutelas 1992<\/a><\/div>\n<h4 class=\"pt-cv-title\"><a href=\"https:\/\/www.dmsjuridica.com\/buscador_20179478954\/corteconstitucionalcronologico202454587\/t-014-92\/\" class=\"_self\" target=\"_self\" >T 014 92<\/a><\/h4>\n<div class=\"pt-cv-content\">T-014-92 Sentencia No. T-014\/92 LIBERTAD DE TRABAJO\/DERECHO AL LIBRE DESARROLLO DE LA PERSONALIDAD Este derecho fundamental comprende dos aspectos: 1) El que otorga al hombre la libertad o derecho para escoger profesi\u00f3n, oficio u ocupaci\u00f3n, seg\u00fan su parecer, actitudes, gustos o aspiraciones; sin perjuicio de que la ley pueda imponer la obligaci\u00f3n de competencia o habilitaci\u00f3n requeridas de acuerdo con cada actividad. 2) El que se refiere a que la libertad de trabajo no puede traer consigo el menoscabo, la p\u00e9rdida o el irrevocable sacrificio de la libertad del hombre. Los art\u00edculos 16 y 17 de la C.N., prev\u00e9n el ...<br \/><div class=\"pt-cv-rmwrap\"><a href=\"https:\/\/www.dmsjuridica.com\/buscador_20179478954\/corteconstitucionalcronologico202454587\/t-014-92\/\" class=\"_self pt-cv-readmore btn btn-success\" target=\"_self\">Ver Sentencia Completa...<\/a><\/div><\/div><\/div><\/div>\n<div class=\"col-md-12 col-sm-12 col-xs-12 pt-cv-content-item pt-cv-1-col\" ><div class='pt-cv-ifield'><a href=\"https:\/\/www.dmsjuridica.com\/buscador_20179478954\/corteconstitucionalcronologico202454587\/t-013-92\/\" class=\"_self pt-cv-href-thumbnail pt-cv-thumb-default\" target=\"_self\" ><\/a>\n<div class=\"pt-cv-taxoterm above_title\"><a href='https:\/\/www.dmsjuridica.com\/buscador_20179478954\/corteconstitucionalcronologico202454587\/category\/buscar-en-toda-la-corte\/1992\/tutelas\/' title='Tutelas 1992' class='pt-cv-tax-tutelas'>Tutelas 1992<\/a><\/div>\n<h4 class=\"pt-cv-title\"><a href=\"https:\/\/www.dmsjuridica.com\/buscador_20179478954\/corteconstitucionalcronologico202454587\/t-013-92\/\" class=\"_self\" target=\"_self\" >T 013 92<\/a><\/h4>\n<div class=\"pt-cv-content\">T-013-92 Sentencia No. T-013\/92 ACCION DE TUTELA-Objeto La Acci\u00f3n de Tutela est\u00e1 prevista como un mecanismo procesal complementario, espec\u00edfico y directo que tiene por objeto la protecci\u00f3n concreta e inmediata de los derechos constitucionales fundamentales, en una determinada situaci\u00f3n jur\u00eddica, cuando \u00e9stos sean violados o se presente amenaza de su violaci\u00f3n, sin que se pueda plantear en esos estrados discusi\u00f3n jur\u00eddica sobre el derecho mismo. ACCION DE TUTELA-Procedencia Es necesario destacar que tanto en la norma constitucional, como en su desarrollo legislativo, el ejercicio de la citada acci\u00f3n est\u00e1 condicionado, entre otras razones, por la presentaci\u00f3n ante el Juez de ...<br \/><div class=\"pt-cv-rmwrap\"><a href=\"https:\/\/www.dmsjuridica.com\/buscador_20179478954\/corteconstitucionalcronologico202454587\/t-013-92\/\" class=\"_self pt-cv-readmore btn btn-success\" target=\"_self\">Ver Sentencia Completa...<\/a><\/div><\/div><\/div><\/div>\n<div class=\"col-md-12 col-sm-12 col-xs-12 pt-cv-content-item pt-cv-1-col\" ><div class='pt-cv-ifield'><a href=\"https:\/\/www.dmsjuridica.com\/buscador_20179478954\/corteconstitucionalcronologico202454587\/t-012-92\/\" class=\"_self pt-cv-href-thumbnail pt-cv-thumb-default\" target=\"_self\" ><\/a>\n<div class=\"pt-cv-taxoterm above_title\"><a href='https:\/\/www.dmsjuridica.com\/buscador_20179478954\/corteconstitucionalcronologico202454587\/category\/buscar-en-toda-la-corte\/1992\/tutelas\/' title='Tutelas 1992' class='pt-cv-tax-tutelas'>Tutelas 1992<\/a><\/div>\n<h4 class=\"pt-cv-title\"><a href=\"https:\/\/www.dmsjuridica.com\/buscador_20179478954\/corteconstitucionalcronologico202454587\/t-012-92\/\" class=\"_self\" target=\"_self\" >T 012 92<\/a><\/h4>\n<div class=\"pt-cv-content\">T-012-92 Sentencia No. T-012\/92 ACCION DE TUTELA-Tr\u00e1mite preferencial \/PRINCIPIO DE INMEDIATEZ\/TRAMITOMANIA El t\u00e9rmino de diez d\u00edas no admite excepciones, pues de lo que se trata es de asegurar la inmediata protecci\u00f3n del derecho violado o amenazado, raz\u00f3n por la cual el mismo precepto superior habla de un procedimiento preferente y sumario, a la vez que el art\u00edculo 15 del Decreto 2591 de 1991 ordena que su tr\u00e1mite se surta con prelaci\u00f3n, para lo cual se pospondr\u00e1 cualquier otro asunto, salvo el de Habeas Corpus, a\u00f1adiendo que los plazos son perentorios e improrrogables. ACCION DE TUTELA-Improcedencia\/DERECHO DE PETICION\/ACTO ADMINISTRATIVO\/JURISDICCION CONTENCIOSO ADMINISTRATIVA\/COMPETENCIA ...<br \/><div class=\"pt-cv-rmwrap\"><a href=\"https:\/\/www.dmsjuridica.com\/buscador_20179478954\/corteconstitucionalcronologico202454587\/t-012-92\/\" class=\"_self pt-cv-readmore btn btn-success\" target=\"_self\">Ver Sentencia Completa...<\/a><\/div><\/div><\/div><\/div>\n<div class=\"col-md-12 col-sm-12 col-xs-12 pt-cv-content-item pt-cv-1-col\" ><div class='pt-cv-ifield'><a href=\"https:\/\/www.dmsjuridica.com\/buscador_20179478954\/corteconstitucionalcronologico202454587\/t-011-92\/\" class=\"_self pt-cv-href-thumbnail pt-cv-thumb-default\" target=\"_self\" ><\/a>\n<div class=\"pt-cv-taxoterm above_title\"><a href='https:\/\/www.dmsjuridica.com\/buscador_20179478954\/corteconstitucionalcronologico202454587\/category\/buscar-en-toda-la-corte\/1992\/tutelas\/' title='Tutelas 1992' class='pt-cv-tax-tutelas'>Tutelas 1992<\/a><\/div>\n<h4 class=\"pt-cv-title\"><a href=\"https:\/\/www.dmsjuridica.com\/buscador_20179478954\/corteconstitucionalcronologico202454587\/t-011-92\/\" class=\"_self\" target=\"_self\" >T 011 92<\/a><\/h4>\n<div class=\"pt-cv-content\">T-011-92 Sentencia No. T-011\/92 DERECHO A LA INTIMIDAD PERSONAL Y FAMILIAR El art\u00edculo que consagra el derecho a la intimidad es una de las expresiones del libre desarrollo de la personalidad y una forma para garantizar la dignidad de la persona. El Estado debe conocer lo m\u00ednimo necesario para que la persona-hombre viva en el contexto social gozando del m\u00e1ximo espacio vital a que tiene derecho para lograr el desarrollo de la personalidad. No se viol\u00f3 el derecho a la intimidad porque en la inspecci\u00f3n judicial practicada se estableci\u00f3 que mediante el mecanismo \"M.R.T.\" se logra localizar el n\u00famero del ...<br \/><div class=\"pt-cv-rmwrap\"><a href=\"https:\/\/www.dmsjuridica.com\/buscador_20179478954\/corteconstitucionalcronologico202454587\/t-011-92\/\" class=\"_self pt-cv-readmore btn btn-success\" target=\"_self\">Ver Sentencia Completa...<\/a><\/div><\/div><\/div><\/div>\n<div class=\"col-md-12 col-sm-12 col-xs-12 pt-cv-content-item pt-cv-1-col\" ><div class='pt-cv-ifield'><a href=\"https:\/\/www.dmsjuridica.com\/buscador_20179478954\/corteconstitucionalcronologico202454587\/t-010-92\/\" class=\"_self pt-cv-href-thumbnail pt-cv-thumb-default\" target=\"_self\" ><\/a>\n<div class=\"pt-cv-taxoterm above_title\"><a href='https:\/\/www.dmsjuridica.com\/buscador_20179478954\/corteconstitucionalcronologico202454587\/category\/buscar-en-toda-la-corte\/1992\/tutelas\/' title='Tutelas 1992' class='pt-cv-tax-tutelas'>Tutelas 1992<\/a><\/div>\n<h4 class=\"pt-cv-title\"><a href=\"https:\/\/www.dmsjuridica.com\/buscador_20179478954\/corteconstitucionalcronologico202454587\/t-010-92\/\" class=\"_self\" target=\"_self\" >T 010 92<\/a><\/h4>\n<div class=\"pt-cv-content\">T-010-92 Sentencia No. T-010\/92 ACCION DE TUTELA TEMERARIA\/PRINCIPIO DE ECONOMIA\/PRINCIPIO DE EFICACIA\/PRINCIPIO DE LA BUENA FE\/INTERES GENERAL-Prevalencia El abuso desmedido e irracional del recurso judicial, para efectos de obtener m\u00faltiples pronunciamientos a partir de un mismo caso, ocasiona un perjuicio para toda la sociedad civil, porque de un 100% de la capacidad total de la administraci\u00f3n de justicia, un incremento en cualquier porcentaje, derivado de la repetici\u00f3n de casos id\u00e9nticos, necesariamente implica una p\u00e9rdida directamente proporcional en la capacidad judicial del Estado para atender los requerimientos del resto de la sociedad civil. La coexistencia de tutelas lesiona el inter\u00e9s general ...<br \/><div class=\"pt-cv-rmwrap\"><a href=\"https:\/\/www.dmsjuridica.com\/buscador_20179478954\/corteconstitucionalcronologico202454587\/t-010-92\/\" class=\"_self pt-cv-readmore btn btn-success\" target=\"_self\">Ver Sentencia Completa...<\/a><\/div><\/div><\/div><\/div>\n<div class=\"col-md-12 col-sm-12 col-xs-12 pt-cv-content-item pt-cv-1-col\" ><div class='pt-cv-ifield'><a href=\"https:\/\/www.dmsjuridica.com\/buscador_20179478954\/corteconstitucionalcronologico202454587\/t-009-92\/\" class=\"_self pt-cv-href-thumbnail pt-cv-thumb-default\" target=\"_self\" ><\/a>\n<div class=\"pt-cv-taxoterm above_title\"><a href='https:\/\/www.dmsjuridica.com\/buscador_20179478954\/corteconstitucionalcronologico202454587\/category\/buscar-en-toda-la-corte\/1992\/tutelas\/' title='Tutelas 1992' class='pt-cv-tax-tutelas'>Tutelas 1992<\/a><\/div>\n<h4 class=\"pt-cv-title\"><a href=\"https:\/\/www.dmsjuridica.com\/buscador_20179478954\/corteconstitucionalcronologico202454587\/t-009-92\/\" class=\"_self\" target=\"_self\" >T 009 92<\/a><\/h4>\n<div class=\"pt-cv-content\">T-009-92 Sentencia No. T-009\/92 ACCION DE TUTELA CONTRA PARTICULARES DERECHO A LA EDUCACION\/SERVICIO PUBLICO DE EDUCACION La educaci\u00f3n es un servicio p\u00fablico. Siendo la educaci\u00f3n un derecho constitucional fundamental y una funci\u00f3n social, el incumplimiento de las condiciones para el ejercicio del derecho puede dar lugar a la sanci\u00f3n establecida en el ordenamiento jur\u00eddico para el caso y por el tiempo razonable que all\u00ed se prevea, pero no podr\u00eda implicar su p\u00e9rdida total, por ser un derecho inherente a la persona. ACCION DE TUTELA-Improcedencia\/PRINCIPIO DE IGUALDAD DE OPORTUNIDADES En el caso de autos, no existi\u00f3 violaci\u00f3n del derecho fundamental a ...<br \/><div class=\"pt-cv-rmwrap\"><a href=\"https:\/\/www.dmsjuridica.com\/buscador_20179478954\/corteconstitucionalcronologico202454587\/t-009-92\/\" class=\"_self pt-cv-readmore btn btn-success\" target=\"_self\">Ver Sentencia Completa...<\/a><\/div><\/div><\/div><\/div>\n<div class=\"col-md-12 col-sm-12 col-xs-12 pt-cv-content-item pt-cv-1-col\" ><div class='pt-cv-ifield'><a href=\"https:\/\/www.dmsjuridica.com\/buscador_20179478954\/corteconstitucionalcronologico202454587\/t-008-92\/\" class=\"_self pt-cv-href-thumbnail pt-cv-thumb-default\" target=\"_self\" ><\/a>\n<div class=\"pt-cv-taxoterm above_title\"><a href='https:\/\/www.dmsjuridica.com\/buscador_20179478954\/corteconstitucionalcronologico202454587\/category\/buscar-en-toda-la-corte\/1992\/tutelas\/' title='Tutelas 1992' class='pt-cv-tax-tutelas'>Tutelas 1992<\/a><\/div>\n<h4 class=\"pt-cv-title\"><a href=\"https:\/\/www.dmsjuridica.com\/buscador_20179478954\/corteconstitucionalcronologico202454587\/t-008-92\/\" class=\"_self\" target=\"_self\" >T 008 92<\/a><\/h4>\n<div class=\"pt-cv-content\">T-008-92 Sentencia No. T-008\/92 DERECHOS COLECTIVOS DERECHOS FUNDAMENTALES-Clasificaci\u00f3n \/JUEZ DE TUTELA-Facultades El problema de la interpretaci\u00f3n de los derechos constitucionales fundamentales queda a cargo de la Corte Constitucional, teniendo en cuenta el valor indicativo que tiene el Cap\u00edtulo I del T\u00edtulo II de la Constituci\u00f3n en donde est\u00e1n contenidos la mayor\u00eda de esos derechos, sino tambi\u00e9n el punto de vista material del concepto que lleva a identificarlos en otros preceptos de la Carta, as\u00ed como en \"los tratados y convenios internacionales ratificados por el Congreso, que reconocen los derechos humanos y que prohiben su limitaci\u00f3n en los estados de excepci\u00f3n\" ...<br \/><div class=\"pt-cv-rmwrap\"><a href=\"https:\/\/www.dmsjuridica.com\/buscador_20179478954\/corteconstitucionalcronologico202454587\/t-008-92\/\" class=\"_self pt-cv-readmore btn btn-success\" target=\"_self\">Ver Sentencia Completa...<\/a><\/div><\/div><\/div><\/div>\n<div class=\"col-md-12 col-sm-12 col-xs-12 pt-cv-content-item pt-cv-1-col\" ><div class='pt-cv-ifield'><a href=\"https:\/\/www.dmsjuridica.com\/buscador_20179478954\/corteconstitucionalcronologico202454587\/t-007-92\/\" class=\"_self pt-cv-href-thumbnail pt-cv-thumb-default\" target=\"_self\" ><\/a>\n<div class=\"pt-cv-taxoterm above_title\"><a href='https:\/\/www.dmsjuridica.com\/buscador_20179478954\/corteconstitucionalcronologico202454587\/category\/buscar-en-toda-la-corte\/1992\/tutelas\/' title='Tutelas 1992' class='pt-cv-tax-tutelas'>Tutelas 1992<\/a><\/div>\n<h4 class=\"pt-cv-title\"><a href=\"https:\/\/www.dmsjuridica.com\/buscador_20179478954\/corteconstitucionalcronologico202454587\/t-007-92\/\" class=\"_self\" target=\"_self\" >T 007 92<\/a><\/h4>\n<div class=\"pt-cv-content\">T-007-92 Sentencia No. T-007\/92 Del cabal cumplimiento del t\u00e9rmino legal consagrado depende la efectividad de la acci\u00f3n de tutela. La protecci\u00f3n que demanda el accionante es inmediata y por ello la Carta exige que el procedimiento aplicable al tr\u00e1mite de las solicitudes de tutela sea preferente y sumario, pues lo que interesa es la decisi\u00f3n material sobre si se concede o se niega la protecci\u00f3n impetrada. ACCION DE TUTELA TRANSITORIA-Improcedencia\/PERJUICIO IRREMEDIABLE\/INSUBSISTENCIA Cuando el quejoso tiene o ha tenido a su alcance la posibilidad de entablar una acci\u00f3n de nulidad y restablecimiento del derecho en materia laboral pudiendo pedir, en ejercicio ...<br \/><div class=\"pt-cv-rmwrap\"><a href=\"https:\/\/www.dmsjuridica.com\/buscador_20179478954\/corteconstitucionalcronologico202454587\/t-007-92\/\" class=\"_self pt-cv-readmore btn btn-success\" target=\"_self\">Ver Sentencia Completa...<\/a><\/div><\/div><\/div><\/div>\n<div class=\"col-md-12 col-sm-12 col-xs-12 pt-cv-content-item pt-cv-1-col\" ><div class='pt-cv-ifield'><a href=\"https:\/\/www.dmsjuridica.com\/buscador_20179478954\/corteconstitucionalcronologico202454587\/t-006-92\/\" class=\"_self pt-cv-href-thumbnail pt-cv-thumb-default\" target=\"_self\" ><\/a>\n<div class=\"pt-cv-taxoterm above_title\"><a href='https:\/\/www.dmsjuridica.com\/buscador_20179478954\/corteconstitucionalcronologico202454587\/category\/buscar-en-toda-la-corte\/1992\/tutelas\/' title='Tutelas 1992' class='pt-cv-tax-tutelas'>Tutelas 1992<\/a><\/div>\n<h4 class=\"pt-cv-title\"><a href=\"https:\/\/www.dmsjuridica.com\/buscador_20179478954\/corteconstitucionalcronologico202454587\/t-006-92\/\" class=\"_self\" target=\"_self\" >T 006 92<\/a><\/h4>\n<div class=\"pt-cv-content\">T-006-92 Sentencia No. T-006\/92 ACCION DE TUTELA CONTRA SENTENCIAS Excluir la acci\u00f3n de tutela respecto de sentencias de una de las Salas de la Corte Suprema de Justicia significa que, en este campo de la actuaci\u00f3n p\u00fablica, de tan estrecha relaci\u00f3n con la protecci\u00f3n de los derechos fundamentales, no existe ning\u00fan medio de control de su comportamiento constitucional. La tesis de la Corte Suprema de Justicia, seg\u00fan la cual ciertos actos jurisdiccionales escapan al control de constitucionalidad pese a ser violatorios del sistema constitucional de derechos, garant\u00edas y deberes, no se compadece con la idea de estado social de derecho ...<br \/><div class=\"pt-cv-rmwrap\"><a href=\"https:\/\/www.dmsjuridica.com\/buscador_20179478954\/corteconstitucionalcronologico202454587\/t-006-92\/\" class=\"_self pt-cv-readmore btn btn-success\" target=\"_self\">Ver Sentencia Completa...<\/a><\/div><\/div><\/div><\/div>\n<div class=\"col-md-12 col-sm-12 col-xs-12 pt-cv-content-item pt-cv-1-col\" ><div class='pt-cv-ifield'><a href=\"https:\/\/www.dmsjuridica.com\/buscador_20179478954\/corteconstitucionalcronologico202454587\/t-003-92\/\" class=\"_self pt-cv-href-thumbnail pt-cv-thumb-default\" target=\"_self\" ><\/a>\n<div class=\"pt-cv-taxoterm above_title\"><a href='https:\/\/www.dmsjuridica.com\/buscador_20179478954\/corteconstitucionalcronologico202454587\/category\/buscar-en-toda-la-corte\/1992\/tutelas\/' title='Tutelas 1992' class='pt-cv-tax-tutelas'>Tutelas 1992<\/a><\/div>\n<h4 class=\"pt-cv-title\"><a href=\"https:\/\/www.dmsjuridica.com\/buscador_20179478954\/corteconstitucionalcronologico202454587\/t-003-92\/\" class=\"_self\" target=\"_self\" >T 003 92<\/a><\/h4>\n<div class=\"pt-cv-content\">T-003-92 Sentencia No. T-003\/92 Para que el derecho al ejercicio de cargos y funciones p\u00fablicas pueda ejercerse de manera efectiva es indispensable que concurran dos elementos exigidos por la Carta: la elecci\u00f3n o nombramiento, acto condici\u00f3n que implica designaci\u00f3n que el Estado hace, por conducto del funcionario o Corporaci\u00f3n competente, en cabeza de una persona para que ejerza las funciones, deberes y responsabilidades que el ordenamiento jur\u00eddico ha previsto respecto de un determinado cargo, y la posesi\u00f3n, es decir, el hecho en cuya virtud la persona asume, en efecto, esas funciones, deberes y responsabilidades, bajo promesa de desempe\u00f1arlos con arreglo ...<br \/><div class=\"pt-cv-rmwrap\"><a href=\"https:\/\/www.dmsjuridica.com\/buscador_20179478954\/corteconstitucionalcronologico202454587\/t-003-92\/\" class=\"_self pt-cv-readmore btn btn-success\" target=\"_self\">Ver Sentencia Completa...<\/a><\/div><\/div><\/div><\/div>\n<div class=\"col-md-12 col-sm-12 col-xs-12 pt-cv-content-item pt-cv-1-col\" ><div class='pt-cv-ifield'><a href=\"https:\/\/www.dmsjuridica.com\/buscador_20179478954\/corteconstitucionalcronologico202454587\/t-002-92\/\" class=\"_self pt-cv-href-thumbnail pt-cv-thumb-default\" target=\"_self\" ><\/a>\n<div class=\"pt-cv-taxoterm above_title\"><a href='https:\/\/www.dmsjuridica.com\/buscador_20179478954\/corteconstitucionalcronologico202454587\/category\/buscar-en-toda-la-corte\/1992\/tutelas\/' title='Tutelas 1992' class='pt-cv-tax-tutelas'>Tutelas 1992<\/a><\/div>\n<h4 class=\"pt-cv-title\"><a href=\"https:\/\/www.dmsjuridica.com\/buscador_20179478954\/corteconstitucionalcronologico202454587\/t-002-92\/\" class=\"_self\" target=\"_self\" >T 002 92<\/a><\/h4>\n<div class=\"pt-cv-content\">T-002-92 SENTENCIA No. T-002\/92 DERECHOS FUNDAMENTALES-Interpretaci\u00f3n\/JUEZ DE TUTELA\/DERECHO A LA EDUCACION\/AUTONOMIA UNIVERSITARIA El hecho de limitar los derechos fundamentales a aquellos que se encuentran en la Constituci\u00f3n Pol\u00edtica bajo el t\u00edtulo de los derechos fundamentales y exclu\u00edr cualquier otro que ocupe un lugar distinto, no debe ser considerado como criterio determinante sino auxiliar, pues \u00e9l desvirt\u00faa el sentido garantizador que a los mecanismos de protecci\u00f3n y aplicaci\u00f3n de los derechos humanos otorg\u00f3 el constituyente de 1991. El juez de tutela debe acudir a la interpretaci\u00f3n sistem\u00e1tica, final\u00edstica o axiol\u00f3gica para desentra\u00f1ar, del caso particular, si se trata o no de ...<br \/><div class=\"pt-cv-rmwrap\"><a href=\"https:\/\/www.dmsjuridica.com\/buscador_20179478954\/corteconstitucionalcronologico202454587\/t-002-92\/\" class=\"_self pt-cv-readmore btn btn-success\" target=\"_self\">Ver Sentencia Completa...<\/a><\/div><\/div><\/div><\/div>\n<div class=\"col-md-12 col-sm-12 col-xs-12 pt-cv-content-item pt-cv-1-col\" ><div class='pt-cv-ifield'><a href=\"https:\/\/www.dmsjuridica.com\/buscador_20179478954\/corteconstitucionalcronologico202454587\/t-001-92\/\" class=\"_self pt-cv-href-thumbnail pt-cv-thumb-default\" target=\"_self\" ><\/a>\n<div class=\"pt-cv-taxoterm above_title\"><a href='https:\/\/www.dmsjuridica.com\/buscador_20179478954\/corteconstitucionalcronologico202454587\/category\/buscar-en-toda-la-corte\/1992\/tutelas\/' title='Tutelas 1992' class='pt-cv-tax-tutelas'>Tutelas 1992<\/a><\/div>\n<h4 class=\"pt-cv-title\"><a href=\"https:\/\/www.dmsjuridica.com\/buscador_20179478954\/corteconstitucionalcronologico202454587\/t-001-92\/\" class=\"_self\" target=\"_self\" >T 001 92<\/a><\/h4>\n<div class=\"pt-cv-content\">T-001-92 Sentencia No. T-001\/92 ACCION DE TUTELA-Objeto La acci\u00f3n de tutela es un instrumento jur\u00eddico confiado por la Constituci\u00f3n a los jueces, cuya justificaci\u00f3n y prop\u00f3sito consisten en brindar a la persona la posibilidad de acudir sin mayores requerimientos de \u00edndole formal y en la certeza de que obtendr\u00e1n oportuna resoluci\u00f3n, a la protecci\u00f3n directa e inmediata del Estado, a objeto de que, en su caso, consideradas sus circunstancias espec\u00edficas y a falta de otros medios, se haga justicia frente a situaciones de hecho que representen quebranto o amenaza de sus derechos fundamentales, logrando as\u00ed que se cumpla uno de ...<br \/><div class=\"pt-cv-rmwrap\"><a href=\"https:\/\/www.dmsjuridica.com\/buscador_20179478954\/corteconstitucionalcronologico202454587\/t-001-92\/\" class=\"_self pt-cv-readmore btn btn-success\" target=\"_self\">Ver Sentencia Completa...<\/a><\/div><\/div><\/div><\/div><\/div><\/div><\/div>\n","protected":false},"excerpt":{"rendered":"","protected":false},"author":1,"featured_media":0,"parent":0,"menu_order":0,"comment_status":"closed","ping_status":"closed","template":"","meta":{"footnotes":""},"class_list":["post-29566","page","type-page","status-publish","hentry"],"_links":{"self":[{"href":"https:\/\/www.dmsjuridica.com\/buscador_20179478954\/corteconstitucionalcronologico202454587\/wp-json\/wp\/v2\/pages\/29566","targetHints":{"allow":["GET"]}}],"collection":[{"href":"https:\/\/www.dmsjuridica.com\/buscador_20179478954\/corteconstitucionalcronologico202454587\/wp-json\/wp\/v2\/pages"}],"about":[{"href":"https:\/\/www.dmsjuridica.com\/buscador_20179478954\/corteconstitucionalcronologico202454587\/wp-json\/wp\/v2\/types\/page"}],"author":[{"embeddable":true,"href":"https:\/\/www.dmsjuridica.com\/buscador_20179478954\/corteconstitucionalcronologico202454587\/wp-json\/wp\/v2\/users\/1"}],"replies":[{"embeddable":true,"href":"https:\/\/www.dmsjuridica.com\/buscador_20179478954\/corteconstitucionalcronologico202454587\/wp-json\/wp\/v2\/comments?post=29566"}],"version-history":[{"count":1,"href":"https:\/\/www.dmsjuridica.com\/buscador_20179478954\/corteconstitucionalcronologico202454587\/wp-json\/wp\/v2\/pages\/29566\/revisions"}],"predecessor-version":[{"id":29567,"href":"https:\/\/www.dmsjuridica.com\/buscador_20179478954\/corteconstitucionalcronologico202454587\/wp-json\/wp\/v2\/pages\/29566\/revisions\/29567"}],"wp:attachment":[{"href":"https:\/\/www.dmsjuridica.com\/buscador_20179478954\/corteconstitucionalcronologico202454587\/wp-json\/wp\/v2\/media?parent=29566"}],"curies":[{"name":"wp","href":"https:\/\/api.w.org\/{rel}","templated":true}]}}