{"id":29572,"date":"2024-07-11T17:20:03","date_gmt":"2024-07-11T22:20:03","guid":{"rendered":"https:\/\/www.dmsjuridica.com\/buscador_20179478954\/corteconstitucionalcronologico202454587\/?page_id=29572"},"modified":"2024-07-11T17:20:03","modified_gmt":"2024-07-11T22:20:03","slug":"tutelas-1995","status":"publish","type":"page","link":"https:\/\/www.dmsjuridica.com\/buscador_20179478954\/corteconstitucionalcronologico202454587\/tutelas-1995\/","title":{"rendered":"Tutelas 1995"},"content":{"rendered":"<div class=\"pt-cv-wrapper\"><div class=\"pt-cv-view pt-cv-grid pt-cv-colsys\" id=\"pt-cv-view-b73f80b1uj\"><div data-id=\"pt-cv-page-1\" class=\"pt-cv-page\" data-cvc=\"1\"><div class=\"col-md-12 col-sm-12 col-xs-12 pt-cv-content-item pt-cv-1-col\" ><div class='pt-cv-ifield'><a href=\"https:\/\/www.dmsjuridica.com\/buscador_20179478954\/corteconstitucionalcronologico202454587\/t-624-95\/\" class=\"_self pt-cv-href-thumbnail pt-cv-thumb-default\" target=\"_self\" ><\/a>\n<div class=\"pt-cv-taxoterm above_title\"><a href='https:\/\/www.dmsjuridica.com\/buscador_20179478954\/corteconstitucionalcronologico202454587\/category\/buscar-en-toda-la-corte\/1995\/tutelas-1995\/' title='Tutelas 1995' class='pt-cv-tax-tutelas-1995'>Tutelas 1995<\/a><\/div>\n<h4 class=\"pt-cv-title\"><a href=\"https:\/\/www.dmsjuridica.com\/buscador_20179478954\/corteconstitucionalcronologico202454587\/t-624-95\/\" class=\"_self\" target=\"_self\" >T 624 95<\/a><\/h4>\n<div class=\"pt-cv-content\">T-624-95 12 Sentencia No. T-624\/95 PRINCIPIO DE IGUALDAD-Naturaleza La igualdad constituye fundamento insustitu\u00edble del ordenamiento jur\u00eddico que se deriva de la dignidad humana, pues resulta de reconocer que todas las personas, en cuanto lo son, no presentan entre s\u00ed diferencias sustanciales. Todas, en su esencia humana, son iguales y merecen la misma consideraci\u00f3n, con independencia de la diversidad que entre ellas surge por motivos accidentales como la raza, el sexo, el color, el origen o las creencias. TRATAMIENTO DIFERENCIADO-Justificaci\u00f3n Ha de tenerse cuidado en establecer con claridad que el trato diferente para fen\u00f3menos tambi\u00e9n diversos tiene que fundarse en motivos ...<br \/><div class=\"pt-cv-rmwrap\"><a href=\"https:\/\/www.dmsjuridica.com\/buscador_20179478954\/corteconstitucionalcronologico202454587\/t-624-95\/\" class=\"_self pt-cv-readmore btn btn-success\" target=\"_self\">Ver Sentencia Completa...<\/a><\/div><\/div><\/div><\/div>\n<div class=\"col-md-12 col-sm-12 col-xs-12 pt-cv-content-item pt-cv-1-col\" ><div class='pt-cv-ifield'><a href=\"https:\/\/www.dmsjuridica.com\/buscador_20179478954\/corteconstitucionalcronologico202454587\/t-623-95\/\" class=\"_self pt-cv-href-thumbnail pt-cv-thumb-default\" target=\"_self\" ><\/a>\n<div class=\"pt-cv-taxoterm above_title\"><a href='https:\/\/www.dmsjuridica.com\/buscador_20179478954\/corteconstitucionalcronologico202454587\/category\/buscar-en-toda-la-corte\/1995\/tutelas-1995\/' title='Tutelas 1995' class='pt-cv-tax-tutelas-1995'>Tutelas 1995<\/a><\/div>\n<h4 class=\"pt-cv-title\"><a href=\"https:\/\/www.dmsjuridica.com\/buscador_20179478954\/corteconstitucionalcronologico202454587\/t-623-95\/\" class=\"_self\" target=\"_self\" >T 623 95<\/a><\/h4>\n<div class=\"pt-cv-content\">T-623-95 Sentencia No. T-623\/95 PROCESO POLICIVO-Amparo de posesi\u00f3n\/DEBIDO PROCESO-Actuaciones policivas Las actuaciones policivas de otorgamiento o denegaci\u00f3n de amparo a la posesi\u00f3n, se integran de manera coordinada y sucesiva en un procedimiento que est\u00e1 compuesto por diversos actos, intervenciones, fases e instancias. La garant\u00eda constitucional del debido proceso, gobierna el desarrollo del proceso policivo. Justamente, la apelaci\u00f3n ante la m\u00e1xima autoridad de polic\u00eda local, es un medio para asegurar que los actos del inferior se ci\u00f1an a la anotada garant\u00eda. Si no se hace uso de este recurso, y la providencia queda en firme, no podr\u00eda el particular, salvo que ...<br \/><div class=\"pt-cv-rmwrap\"><a href=\"https:\/\/www.dmsjuridica.com\/buscador_20179478954\/corteconstitucionalcronologico202454587\/t-623-95\/\" class=\"_self pt-cv-readmore btn btn-success\" target=\"_self\">Ver Sentencia Completa...<\/a><\/div><\/div><\/div><\/div>\n<div class=\"col-md-12 col-sm-12 col-xs-12 pt-cv-content-item pt-cv-1-col\" ><div class='pt-cv-ifield'><a href=\"https:\/\/www.dmsjuridica.com\/buscador_20179478954\/corteconstitucionalcronologico202454587\/t-622-95\/\" class=\"_self pt-cv-href-thumbnail pt-cv-thumb-default\" target=\"_self\" ><\/a>\n<div class=\"pt-cv-taxoterm above_title\"><a href='https:\/\/www.dmsjuridica.com\/buscador_20179478954\/corteconstitucionalcronologico202454587\/category\/buscar-en-toda-la-corte\/1995\/tutelas-1995\/' title='Tutelas 1995' class='pt-cv-tax-tutelas-1995'>Tutelas 1995<\/a><\/div>\n<h4 class=\"pt-cv-title\"><a href=\"https:\/\/www.dmsjuridica.com\/buscador_20179478954\/corteconstitucionalcronologico202454587\/t-622-95\/\" class=\"_self\" target=\"_self\" >T 622 95<\/a><\/h4>\n<div class=\"pt-cv-content\">T-622-95 Sentencia No. T-622\/95 DERECHOS COLECTIVOS-Fundamentales por conexidad La salubridad y el ambiente sano, corresponden a sendos derechos colectivos que s\u00f3lo excepcionalmente pueden ser objeto de acci\u00f3n de tutela, bajo la condici\u00f3n de que se demuestre la individualizaci\u00f3n de los da\u00f1os que origina una determinada acci\u00f3n u omisi\u00f3n respecto de determinados derechos fundamentales. NORMA URBANISTICA Y SANITARIA-Omisi\u00f3n administrativa Las violaciones a las normas urban\u00edsticas y sanitarias deben ser investigadas y sancionadas por las autoridades locales. Igualmente, estas autoridades son titulares de competencias policivas cuyo objeto es evitar que se deterioren las condiciones necesarias para el ejercicio de los derechos y ...<br \/><div class=\"pt-cv-rmwrap\"><a href=\"https:\/\/www.dmsjuridica.com\/buscador_20179478954\/corteconstitucionalcronologico202454587\/t-622-95\/\" class=\"_self pt-cv-readmore btn btn-success\" target=\"_self\">Ver Sentencia Completa...<\/a><\/div><\/div><\/div><\/div>\n<div class=\"col-md-12 col-sm-12 col-xs-12 pt-cv-content-item pt-cv-1-col\" ><div class='pt-cv-ifield'><a href=\"https:\/\/www.dmsjuridica.com\/buscador_20179478954\/corteconstitucionalcronologico202454587\/t-621-95\/\" class=\"_self pt-cv-href-thumbnail pt-cv-thumb-default\" target=\"_self\" ><\/a>\n<div class=\"pt-cv-taxoterm above_title\"><a href='https:\/\/www.dmsjuridica.com\/buscador_20179478954\/corteconstitucionalcronologico202454587\/category\/buscar-en-toda-la-corte\/1995\/tutelas-1995\/' title='Tutelas 1995' class='pt-cv-tax-tutelas-1995'>Tutelas 1995<\/a><\/div>\n<h4 class=\"pt-cv-title\"><a href=\"https:\/\/www.dmsjuridica.com\/buscador_20179478954\/corteconstitucionalcronologico202454587\/t-621-95\/\" class=\"_self\" target=\"_self\" >T 621 95<\/a><\/h4>\n<div class=\"pt-cv-content\">T-621-95 Sentencia No. T-621\/95 INDEMNIZACION DE PERJUICIOS-Acciones legales La condena patrimonial decretada por el da\u00f1o antijur\u00eddico irrogado a una persona, por lo general, debe ser el resultado de un proceso que incluya un debate probatorio y la posibilidad de determinar la responsabilidad del demandado, de conformidad con las garant\u00edas del debido proceso. Respecto de los perjuicios ocasionados por la omisi\u00f3n de las autoridades p\u00fablicas en el cumplimiento de sus funciones, la legislaci\u00f3n consagra acciones indemnizatorias en contra del Estado, no siendo la acci\u00f3n de tutela la v\u00eda procesal llamada a sustituir los mecanismos legales correspondientes. ACCION DE TUTELA-Contenido de la ...<br \/><div class=\"pt-cv-rmwrap\"><a href=\"https:\/\/www.dmsjuridica.com\/buscador_20179478954\/corteconstitucionalcronologico202454587\/t-621-95\/\" class=\"_self pt-cv-readmore btn btn-success\" target=\"_self\">Ver Sentencia Completa...<\/a><\/div><\/div><\/div><\/div>\n<div class=\"col-md-12 col-sm-12 col-xs-12 pt-cv-content-item pt-cv-1-col\" ><div class='pt-cv-ifield'><a href=\"https:\/\/www.dmsjuridica.com\/buscador_20179478954\/corteconstitucionalcronologico202454587\/t-620-95\/\" class=\"_self pt-cv-href-thumbnail pt-cv-thumb-default\" target=\"_self\" ><\/a>\n<div class=\"pt-cv-taxoterm above_title\"><a href='https:\/\/www.dmsjuridica.com\/buscador_20179478954\/corteconstitucionalcronologico202454587\/category\/buscar-en-toda-la-corte\/1995\/tutelas-1995\/' title='Tutelas 1995' class='pt-cv-tax-tutelas-1995'>Tutelas 1995<\/a><\/div>\n<h4 class=\"pt-cv-title\"><a href=\"https:\/\/www.dmsjuridica.com\/buscador_20179478954\/corteconstitucionalcronologico202454587\/t-620-95\/\" class=\"_self\" target=\"_self\" >T 620 95<\/a><\/h4>\n<div class=\"pt-cv-content\">T-620-95 Sentencia No. T-620\/95 MORAL SOCIAL-Naturaleza La moral social es un valor que involucra a toda la comunidad y cuya prevalencia es, por tanto, de inter\u00e9s general. Consiste en el mantenimiento de una conducta, no ya solamente individual, inmanente, sino colectiva, que se ajuste a ciertos principios \u00e9ticos y a lo que esa sociedad considera deben ser reglas de conducta que conduzcan a una convivencia arm\u00f3nica, al mutuo respeto entre los asociados y, en \u00faltima instancia, al logro de la paz tanto a nivel interno como a nivel colectivo. Como el orden p\u00fablico es un derecho de todos los asociados ...<br \/><div class=\"pt-cv-rmwrap\"><a href=\"https:\/\/www.dmsjuridica.com\/buscador_20179478954\/corteconstitucionalcronologico202454587\/t-620-95\/\" class=\"_self pt-cv-readmore btn btn-success\" target=\"_self\">Ver Sentencia Completa...<\/a><\/div><\/div><\/div><\/div>\n<div class=\"col-md-12 col-sm-12 col-xs-12 pt-cv-content-item pt-cv-1-col\" ><div class='pt-cv-ifield'><a href=\"https:\/\/www.dmsjuridica.com\/buscador_20179478954\/corteconstitucionalcronologico202454587\/t-619-95\/\" class=\"_self pt-cv-href-thumbnail pt-cv-thumb-default\" target=\"_self\" ><\/a>\n<div class=\"pt-cv-taxoterm above_title\"><a href='https:\/\/www.dmsjuridica.com\/buscador_20179478954\/corteconstitucionalcronologico202454587\/category\/buscar-en-toda-la-corte\/1995\/tutelas-1995\/' title='Tutelas 1995' class='pt-cv-tax-tutelas-1995'>Tutelas 1995<\/a><\/div>\n<h4 class=\"pt-cv-title\"><a href=\"https:\/\/www.dmsjuridica.com\/buscador_20179478954\/corteconstitucionalcronologico202454587\/t-619-95\/\" class=\"_self\" target=\"_self\" >T 619 95<\/a><\/h4>\n<div class=\"pt-cv-content\">T-619-95 Sentencia No. T-619\/95 PENSION DE INVALIDEZ-Protecci\u00f3n constitucional El derecho al reconocimiento y pago de la pensi\u00f3n de invalidez, o en su defecto de la indemnizaci\u00f3n sustitutiva, se encuentra en conexidad con el derecho a la vida, la integridad f\u00edsica, el trabajo y la igualdad, entre otros, por cuanto a trav\u00e9s de dicha prestaci\u00f3n, lo que pretende el Estado es dar cumplimiento al mandato constitucional que impone como deber el de garantizar a todos los habitantes \"el derecho irrenunciable a la seguridad social.\" Se garantiza el derecho a la vida, pues se reconoce en favor de quien ha sufrido merma ...<br \/><div class=\"pt-cv-rmwrap\"><a href=\"https:\/\/www.dmsjuridica.com\/buscador_20179478954\/corteconstitucionalcronologico202454587\/t-619-95\/\" class=\"_self pt-cv-readmore btn btn-success\" target=\"_self\">Ver Sentencia Completa...<\/a><\/div><\/div><\/div><\/div>\n<div class=\"col-md-12 col-sm-12 col-xs-12 pt-cv-content-item pt-cv-1-col\" ><div class='pt-cv-ifield'><a href=\"https:\/\/www.dmsjuridica.com\/buscador_20179478954\/corteconstitucionalcronologico202454587\/t-618-95\/\" class=\"_self pt-cv-href-thumbnail pt-cv-thumb-default\" target=\"_self\" ><\/a>\n<div class=\"pt-cv-taxoterm above_title\"><a href='https:\/\/www.dmsjuridica.com\/buscador_20179478954\/corteconstitucionalcronologico202454587\/category\/buscar-en-toda-la-corte\/1995\/tutelas-1995\/' title='Tutelas 1995' class='pt-cv-tax-tutelas-1995'>Tutelas 1995<\/a><\/div>\n<h4 class=\"pt-cv-title\"><a href=\"https:\/\/www.dmsjuridica.com\/buscador_20179478954\/corteconstitucionalcronologico202454587\/t-618-95\/\" class=\"_self\" target=\"_self\" >T 618 95<\/a><\/h4>\n<div class=\"pt-cv-content\">T-618-95 Sentencia No. T-618\/95 MEDIO DE DEFENSA JUDICIAL-Obtenci\u00f3n de preguntas ex\u00e1menes Icfes DOCUMENTO RESERVADO-Ex\u00e1menes de Estado\/REVISION ADMINISTRATIVA-Ex\u00e1menes de Estado\/DERECHO DE ACCESO A DOCUMENTOS PUBLICOS-Improcedencia respecto de ex\u00e1menes de Estado No es la acci\u00f3n de tutela el instrumento que sirva para dirimir situaciones jur\u00eddicas en las que puedan afectarse providencias que han alcanzado su firmeza y ejecutoria, lo cual atenta contra su naturaleza extraordinaria, adem\u00e1s de que con respecto de ellos el actor dispone de otros medios de defensa judicial. Ref.: Expediente No. T- 82.024 Demandante: Luis P\u00e9rez Guti\u00e9rrez contra el Tribunal Administrativo de Cundinamarca -Secci\u00f3n Primera- Procedencia: Tribunal Superior de ...<br \/><div class=\"pt-cv-rmwrap\"><a href=\"https:\/\/www.dmsjuridica.com\/buscador_20179478954\/corteconstitucionalcronologico202454587\/t-618-95\/\" class=\"_self pt-cv-readmore btn btn-success\" target=\"_self\">Ver Sentencia Completa...<\/a><\/div><\/div><\/div><\/div>\n<div class=\"col-md-12 col-sm-12 col-xs-12 pt-cv-content-item pt-cv-1-col\" ><div class='pt-cv-ifield'><a href=\"https:\/\/www.dmsjuridica.com\/buscador_20179478954\/corteconstitucionalcronologico202454587\/t-617-95\/\" class=\"_self pt-cv-href-thumbnail pt-cv-thumb-default\" target=\"_self\" ><\/a>\n<div class=\"pt-cv-taxoterm above_title\"><a href='https:\/\/www.dmsjuridica.com\/buscador_20179478954\/corteconstitucionalcronologico202454587\/category\/buscar-en-toda-la-corte\/1995\/tutelas-1995\/' title='Tutelas 1995' class='pt-cv-tax-tutelas-1995'>Tutelas 1995<\/a><\/div>\n<h4 class=\"pt-cv-title\"><a href=\"https:\/\/www.dmsjuridica.com\/buscador_20179478954\/corteconstitucionalcronologico202454587\/t-617-95\/\" class=\"_self\" target=\"_self\" >T 617 95<\/a><\/h4>\n<div class=\"pt-cv-content\">T-617-95 Sentencia No. T-617\/95 ESPACIO PUBLICO-Protecci\u00f3n\/BIENES DE USO PUBLICO-Protecci\u00f3n El espacio p\u00fablico y los bienes de uso p\u00fablico deben ser protegidos y al hacerlo el funcionario policivo cumple con su deber y por lo mismo su conducta es leg\u00edtima y la orden que da de desalojo a quienes lo ocupan tiene la obligatoriedad propia del acto administrativo. PRINCIPIO DE INTERES GENERAL-Naturaleza\/PRINCIPIO DE LA CONFIANZA LEGITIMA-L\u00edmite dado por el inter\u00e9s p\u00fablico La organizaci\u00f3n administrativa del Estado reposa sobre el principio del inter\u00e9s general. Es claro que la contraposici\u00f3n entre los intereses puramente particulares de los individuos aisladamente considerados, y los intereses ...<br \/><div class=\"pt-cv-rmwrap\"><a href=\"https:\/\/www.dmsjuridica.com\/buscador_20179478954\/corteconstitucionalcronologico202454587\/t-617-95\/\" class=\"_self pt-cv-readmore btn btn-success\" target=\"_self\">Ver Sentencia Completa...<\/a><\/div><\/div><\/div><\/div>\n<div class=\"col-md-12 col-sm-12 col-xs-12 pt-cv-content-item pt-cv-1-col\" ><div class='pt-cv-ifield'><a href=\"https:\/\/www.dmsjuridica.com\/buscador_20179478954\/corteconstitucionalcronologico202454587\/t-616-95\/\" class=\"_self pt-cv-href-thumbnail pt-cv-thumb-default\" target=\"_self\" ><\/a>\n<div class=\"pt-cv-taxoterm above_title\"><a href='https:\/\/www.dmsjuridica.com\/buscador_20179478954\/corteconstitucionalcronologico202454587\/category\/buscar-en-toda-la-corte\/1995\/tutelas-1995\/' title='Tutelas 1995' class='pt-cv-tax-tutelas-1995'>Tutelas 1995<\/a><\/div>\n<h4 class=\"pt-cv-title\"><a href=\"https:\/\/www.dmsjuridica.com\/buscador_20179478954\/corteconstitucionalcronologico202454587\/t-616-95\/\" class=\"_self\" target=\"_self\" >T 616 95<\/a><\/h4>\n<div class=\"pt-cv-content\">T-616-95 Sentencia No. T-616\/95 ACCION DE TUTELA-Procedencia La acci\u00f3n de tutela no se erigi\u00f3 por el Constituyente para sustituir al juez ordinario que tiene plena competencia para el conocimiento y decisi\u00f3n de los asuntos que le corresponden pues ello equivaldr\u00eda en la pr\u00e1ctica a desconocer las jurisdicciones constitucionales consignadas en las normas superiores so pretexto de proteger, supuestamente en forma expedita, derechos constitucionales fundamentales. ACCION DE TUTELA-Improcedencia por despido injusto A trav\u00e9s de la acci\u00f3n de tutela no es posible declarar la nulidad de un acto de desvinculaci\u00f3n del servicio, que goza de la presunci\u00f3n de legalidad, mientras no sea ...<br \/><div class=\"pt-cv-rmwrap\"><a href=\"https:\/\/www.dmsjuridica.com\/buscador_20179478954\/corteconstitucionalcronologico202454587\/t-616-95\/\" class=\"_self pt-cv-readmore btn btn-success\" target=\"_self\">Ver Sentencia Completa...<\/a><\/div><\/div><\/div><\/div>\n<div class=\"col-md-12 col-sm-12 col-xs-12 pt-cv-content-item pt-cv-1-col\" ><div class='pt-cv-ifield'><a href=\"https:\/\/www.dmsjuridica.com\/buscador_20179478954\/corteconstitucionalcronologico202454587\/t-615-95\/\" class=\"_self pt-cv-href-thumbnail pt-cv-thumb-default\" target=\"_self\" ><\/a>\n<div class=\"pt-cv-taxoterm above_title\"><a href='https:\/\/www.dmsjuridica.com\/buscador_20179478954\/corteconstitucionalcronologico202454587\/category\/buscar-en-toda-la-corte\/1995\/tutelas-1995\/' title='Tutelas 1995' class='pt-cv-tax-tutelas-1995'>Tutelas 1995<\/a><\/div>\n<h4 class=\"pt-cv-title\"><a href=\"https:\/\/www.dmsjuridica.com\/buscador_20179478954\/corteconstitucionalcronologico202454587\/t-615-95\/\" class=\"_self\" target=\"_self\" >T 615 95<\/a><\/h4>\n<div class=\"pt-cv-content\">T-615-95 Sentencia No. T-615\/95 CADUCIDAD DEL DATO-L\u00edmite temporal En virtud del l\u00edmite temporal de la informaci\u00f3n, toda persona puede solicitar la caducidad del dato. Ref.: Expediente No. T-81483 Actora: Socorro Amparo Cajiao de Bernal Magistrado Ponente: Dr. FABIO MORON DIAZ Santaf\u00e9 de Bogot\u00e1 D.C., Diciembre doce (12) de mil novecientos noventa y cinco (1995). Procede la Sala de Revisi\u00f3n de la Corte Constitucional integrada por los Honorables Magistrados VLADIMIRO NARANJO MESA, JORGE ARANGO MEJIA y FABIO MORON DIAZ, a revisar la sentencia del Juzgado 2 Civil Municipal de Cali, de septiembre once (11) de 1995, interpuesta por la se\u00f1ora SOCORRO ...<br \/><div class=\"pt-cv-rmwrap\"><a href=\"https:\/\/www.dmsjuridica.com\/buscador_20179478954\/corteconstitucionalcronologico202454587\/t-615-95\/\" class=\"_self pt-cv-readmore btn btn-success\" target=\"_self\">Ver Sentencia Completa...<\/a><\/div><\/div><\/div><\/div>\n<div class=\"col-md-12 col-sm-12 col-xs-12 pt-cv-content-item pt-cv-1-col\" ><div class='pt-cv-ifield'><a href=\"https:\/\/www.dmsjuridica.com\/buscador_20179478954\/corteconstitucionalcronologico202454587\/t-614-95\/\" class=\"_self pt-cv-href-thumbnail pt-cv-thumb-default\" target=\"_self\" ><\/a>\n<div class=\"pt-cv-taxoterm above_title\"><a href='https:\/\/www.dmsjuridica.com\/buscador_20179478954\/corteconstitucionalcronologico202454587\/category\/buscar-en-toda-la-corte\/1995\/tutelas-1995\/' title='Tutelas 1995' class='pt-cv-tax-tutelas-1995'>Tutelas 1995<\/a><\/div>\n<h4 class=\"pt-cv-title\"><a href=\"https:\/\/www.dmsjuridica.com\/buscador_20179478954\/corteconstitucionalcronologico202454587\/t-614-95\/\" class=\"_self\" target=\"_self\" >T 614 95<\/a><\/h4>\n<div class=\"pt-cv-content\">T-614-95 Sentencia No. T-614\/95 DERECHO DE PETICION-Procedencia frente a particulares La acci\u00f3n de tutela resulta procedente trat\u00e1ndose del derecho de petici\u00f3n que, comprende la posibilidad de dirigirse, por motivos de inter\u00e9s particular o general, a las autoridades p\u00fablicas y, a los particulares, quienes est\u00e1n en la obligaci\u00f3n de brindar una respuesta que adem\u00e1s de oportuna debe ser sustancial, es decir, que verdaderamente resuelva o desate la inquietud formulada sin limitarse a los aspectos que sean apenas tangenciales a la cuesti\u00f3n planteada. El derecho de petici\u00f3n procede, trat\u00e1ndose de particulares encargados de la prestaci\u00f3n de un servicio p\u00fablico. DERECHO DE PETICION-Contenido ...<br \/><div class=\"pt-cv-rmwrap\"><a href=\"https:\/\/www.dmsjuridica.com\/buscador_20179478954\/corteconstitucionalcronologico202454587\/t-614-95\/\" class=\"_self pt-cv-readmore btn btn-success\" target=\"_self\">Ver Sentencia Completa...<\/a><\/div><\/div><\/div><\/div>\n<div class=\"col-md-12 col-sm-12 col-xs-12 pt-cv-content-item pt-cv-1-col\" ><div class='pt-cv-ifield'><a href=\"https:\/\/www.dmsjuridica.com\/buscador_20179478954\/corteconstitucionalcronologico202454587\/t-613-95\/\" class=\"_self pt-cv-href-thumbnail pt-cv-thumb-default\" target=\"_self\" ><\/a>\n<div class=\"pt-cv-taxoterm above_title\"><a href='https:\/\/www.dmsjuridica.com\/buscador_20179478954\/corteconstitucionalcronologico202454587\/category\/buscar-en-toda-la-corte\/1995\/tutelas-1995\/' title='Tutelas 1995' class='pt-cv-tax-tutelas-1995'>Tutelas 1995<\/a><\/div>\n<h4 class=\"pt-cv-title\"><a href=\"https:\/\/www.dmsjuridica.com\/buscador_20179478954\/corteconstitucionalcronologico202454587\/t-613-95\/\" class=\"_self\" target=\"_self\" >T 613 95<\/a><\/h4>\n<div class=\"pt-cv-content\">T-613-95 SALARIO-Pago oportuno\/DERECHO AL TRABAJO CONDICIONES DIGNAS Y JUSTAS Uno de los derechos inalienables de los trabajadores es el de recibir el pago proporcional a la cantidad y calidad del trabajo desempe\u00f1ado en forma oportuna; principio por cuyo cabal cumplimiento responde el empleador contra quien puede encaminarse la acci\u00f3n de tutela para lograr el efectivo respeto de la Constituci\u00f3n. La no cancelaci\u00f3n o el pago tard\u00edo de los salarios de los trabajadores atentan contra el principio de que el trabajo debe desempe\u00f1arse en condiciones dignas y justas; lo cual es directa responsabilidad del patrono. PRESUPUESTO-Compromiso de n\u00f3mina\/DEMANDA DE TUTELA-Apropiaci\u00f3n presupuestal ...<br \/><div class=\"pt-cv-rmwrap\"><a href=\"https:\/\/www.dmsjuridica.com\/buscador_20179478954\/corteconstitucionalcronologico202454587\/t-613-95\/\" class=\"_self pt-cv-readmore btn btn-success\" target=\"_self\">Ver Sentencia Completa...<\/a><\/div><\/div><\/div><\/div>\n<div class=\"col-md-12 col-sm-12 col-xs-12 pt-cv-content-item pt-cv-1-col\" ><div class='pt-cv-ifield'><a href=\"https:\/\/www.dmsjuridica.com\/buscador_20179478954\/corteconstitucionalcronologico202454587\/t-612-95\/\" class=\"_self pt-cv-href-thumbnail pt-cv-thumb-default\" target=\"_self\" ><\/a>\n<div class=\"pt-cv-taxoterm above_title\"><a href='https:\/\/www.dmsjuridica.com\/buscador_20179478954\/corteconstitucionalcronologico202454587\/category\/buscar-en-toda-la-corte\/1995\/tutelas-1995\/' title='Tutelas 1995' class='pt-cv-tax-tutelas-1995'>Tutelas 1995<\/a><\/div>\n<h4 class=\"pt-cv-title\"><a href=\"https:\/\/www.dmsjuridica.com\/buscador_20179478954\/corteconstitucionalcronologico202454587\/t-612-95\/\" class=\"_self\" target=\"_self\" >T 612 95<\/a><\/h4>\n<div class=\"pt-cv-content\">T-612-95 Sentencia No. T-612\/95 PRINCIPIO DE IGUALDAD-Naturaleza El principio de igualdad se traduce en el derecho a que no se apliquen excepciones o privilegios que excluyan a unos individuos de lo que se concede a otros, en similares o id\u00e9nticas circunstancias, de donde se colige necesariamente, que la real y efectiva igualdad consiste en aplicar la ley en cada uno de los acaecimientos seg\u00fan las diferencias constitutivas de ellos. Exige precisamente el reconocimiento a la variada serie de desigualdades entre los hombres; es decir, el principio de la igualdad es objetivo y no formal. PENSION PARCIAL DE INVALIDEZ-Pago de mesada ...<br \/><div class=\"pt-cv-rmwrap\"><a href=\"https:\/\/www.dmsjuridica.com\/buscador_20179478954\/corteconstitucionalcronologico202454587\/t-612-95\/\" class=\"_self pt-cv-readmore btn btn-success\" target=\"_self\">Ver Sentencia Completa...<\/a><\/div><\/div><\/div><\/div>\n<div class=\"col-md-12 col-sm-12 col-xs-12 pt-cv-content-item pt-cv-1-col\" ><div class='pt-cv-ifield'><a href=\"https:\/\/www.dmsjuridica.com\/buscador_20179478954\/corteconstitucionalcronologico202454587\/t-611-95\/\" class=\"_self pt-cv-href-thumbnail pt-cv-thumb-default\" target=\"_self\" ><\/a>\n<div class=\"pt-cv-taxoterm above_title\"><a href='https:\/\/www.dmsjuridica.com\/buscador_20179478954\/corteconstitucionalcronologico202454587\/category\/buscar-en-toda-la-corte\/1995\/tutelas-1995\/' title='Tutelas 1995' class='pt-cv-tax-tutelas-1995'>Tutelas 1995<\/a><\/div>\n<h4 class=\"pt-cv-title\"><a href=\"https:\/\/www.dmsjuridica.com\/buscador_20179478954\/corteconstitucionalcronologico202454587\/t-611-95\/\" class=\"_self\" target=\"_self\" >T 611 95<\/a><\/h4>\n<div class=\"pt-cv-content\">T-611-95 Sentencia No. T-611\/95 AUTONOMIA UNIVERSITARIA-Matr\u00edcula irregular Es preciso destacar que tal ejercicio debe estar regido por el respeto al ordenamiento legal y encaminado a la protecci\u00f3n de los m\u00e1s elementales derechos de quienes se encuentran sometidos a \u00e9l; pero no puede permitirse que por el s\u00f3lo hecho de que la instituci\u00f3n demandada incurra en error al momento de matricular a un estudiante que no re\u00fane los requisitos para ello, autom\u00e1ticamente \u00e9ste adquiera el derecho a permanecer como alumno de la instituci\u00f3n a pesar de que ello sea a costa de una situaci\u00f3n irregular. MEDIO DE DEFENSA JUDICIAL-Resoluci\u00f3n que invalida ...<br \/><div class=\"pt-cv-rmwrap\"><a href=\"https:\/\/www.dmsjuridica.com\/buscador_20179478954\/corteconstitucionalcronologico202454587\/t-611-95\/\" class=\"_self pt-cv-readmore btn btn-success\" target=\"_self\">Ver Sentencia Completa...<\/a><\/div><\/div><\/div><\/div>\n<div class=\"col-md-12 col-sm-12 col-xs-12 pt-cv-content-item pt-cv-1-col\" ><div class='pt-cv-ifield'><a href=\"https:\/\/www.dmsjuridica.com\/buscador_20179478954\/corteconstitucionalcronologico202454587\/t-610-95\/\" class=\"_self pt-cv-href-thumbnail pt-cv-thumb-default\" target=\"_self\" ><\/a>\n<div class=\"pt-cv-taxoterm above_title\"><a href='https:\/\/www.dmsjuridica.com\/buscador_20179478954\/corteconstitucionalcronologico202454587\/category\/buscar-en-toda-la-corte\/1995\/tutelas-1995\/' title='Tutelas 1995' class='pt-cv-tax-tutelas-1995'>Tutelas 1995<\/a><\/div>\n<h4 class=\"pt-cv-title\"><a href=\"https:\/\/www.dmsjuridica.com\/buscador_20179478954\/corteconstitucionalcronologico202454587\/t-610-95\/\" class=\"_self\" target=\"_self\" >T 610 95<\/a><\/h4>\n<div class=\"pt-cv-content\">T-610-95 Sentencia No. T-610\/95 Cuando los hechos expuestos por el demandante no corresponden a la verdad o han desaparecido por la acci\u00f3n de la autoridad p\u00fablica o del particular demandado, la tutela carece de sentido y por tanto la solicitud no puede alcanzar decisi\u00f3n favorable, tal como ocurre en el asunto materia de examen, pues resulta evidente que la autoridad demandada no ha incurrido en actos que puedan entenderse violatorios de los derechos fundamentales del peticionario, o que atenten contra ellos, ni ha omitido el cumplimiento de los deberes que le incumben. DERECHO DE PETICION-Reiteraci\u00f3n de solicitudes Esta Corte ha ...<br \/><div class=\"pt-cv-rmwrap\"><a href=\"https:\/\/www.dmsjuridica.com\/buscador_20179478954\/corteconstitucionalcronologico202454587\/t-610-95\/\" class=\"_self pt-cv-readmore btn btn-success\" target=\"_self\">Ver Sentencia Completa...<\/a><\/div><\/div><\/div><\/div>\n<div class=\"col-md-12 col-sm-12 col-xs-12 pt-cv-content-item pt-cv-1-col\" ><div class='pt-cv-ifield'><a href=\"https:\/\/www.dmsjuridica.com\/buscador_20179478954\/corteconstitucionalcronologico202454587\/t-609-95\/\" class=\"_self pt-cv-href-thumbnail pt-cv-thumb-default\" target=\"_self\" ><\/a>\n<div class=\"pt-cv-taxoterm above_title\"><a href='https:\/\/www.dmsjuridica.com\/buscador_20179478954\/corteconstitucionalcronologico202454587\/category\/buscar-en-toda-la-corte\/1995\/tutelas-1995\/' title='Tutelas 1995' class='pt-cv-tax-tutelas-1995'>Tutelas 1995<\/a><\/div>\n<h4 class=\"pt-cv-title\"><a href=\"https:\/\/www.dmsjuridica.com\/buscador_20179478954\/corteconstitucionalcronologico202454587\/t-609-95\/\" class=\"_self\" target=\"_self\" >T 609 95<\/a><\/h4>\n<div class=\"pt-cv-content\">T-609-95 Sentencia No. T-609\/95 ACCION DE TUTELA CONTRA PARTICULARES-Administraci\u00f3n de cementerio La acci\u00f3n de tutela formalmente es procedente contra la administraci\u00f3n del Cementerio, pues est\u00e1 encargado de la prestaci\u00f3n de un servicio p\u00fablico. DERECHO A EXHUMAR UN CADAVER-Titularidad\/LIBERTAD DE CULTOS-Veneraci\u00f3n de tumbas La peticionaria no fue quien solicit\u00f3 la exhumaci\u00f3n del cad\u00e1ver de su esposo, sino un tercero, que dec\u00eda ser la primera c\u00f3nyuge del difunto, con lo cual no existe certeza jur\u00eddica en torno a la titularidad para la obtenci\u00f3n de los restos mortales. A la peticionaria no se le vulnera el derecho a visitar y venerar la tumba ...<br \/><div class=\"pt-cv-rmwrap\"><a href=\"https:\/\/www.dmsjuridica.com\/buscador_20179478954\/corteconstitucionalcronologico202454587\/t-609-95\/\" class=\"_self pt-cv-readmore btn btn-success\" target=\"_self\">Ver Sentencia Completa...<\/a><\/div><\/div><\/div><\/div>\n<div class=\"col-md-12 col-sm-12 col-xs-12 pt-cv-content-item pt-cv-1-col\" ><div class='pt-cv-ifield'><a href=\"https:\/\/www.dmsjuridica.com\/buscador_20179478954\/corteconstitucionalcronologico202454587\/t-608-95\/\" class=\"_self pt-cv-href-thumbnail pt-cv-thumb-default\" target=\"_self\" ><\/a>\n<div class=\"pt-cv-taxoterm above_title\"><a href='https:\/\/www.dmsjuridica.com\/buscador_20179478954\/corteconstitucionalcronologico202454587\/category\/buscar-en-toda-la-corte\/1995\/tutelas-1995\/' title='Tutelas 1995' class='pt-cv-tax-tutelas-1995'>Tutelas 1995<\/a><\/div>\n<h4 class=\"pt-cv-title\"><a href=\"https:\/\/www.dmsjuridica.com\/buscador_20179478954\/corteconstitucionalcronologico202454587\/t-608-95\/\" class=\"_self\" target=\"_self\" >T 608 95<\/a><\/h4>\n<div class=\"pt-cv-content\">T-608-95 PRESUNCION DE INDEFENSION DEL MENOR Por ser menor de edad la persona a la que se le han violado sus derechos fundamentales, se presume su estado de indefensi\u00f3n frente al particular contra el cual se dirige la acci\u00f3n de tutela. DERECHOS DEL NI\u00d1O-Desavenencias entre los padres\/SEPARACION DE LOS PADRES-Adaptaci\u00f3n del menor Si bien es cierto, los derechos de los ni\u00f1os prevalecen sobre los dem\u00e1s; no se pudo establecer violaci\u00f3n alguna de los derechos fundamentales a la integridad f\u00edsica y moral de la menor por parte de su progenitor o de su compa\u00f1era, en efecto, los conflictos que aquejan a ...<br \/><div class=\"pt-cv-rmwrap\"><a href=\"https:\/\/www.dmsjuridica.com\/buscador_20179478954\/corteconstitucionalcronologico202454587\/t-608-95\/\" class=\"_self pt-cv-readmore btn btn-success\" target=\"_self\">Ver Sentencia Completa...<\/a><\/div><\/div><\/div><\/div>\n<div class=\"col-md-12 col-sm-12 col-xs-12 pt-cv-content-item pt-cv-1-col\" ><div class='pt-cv-ifield'><a href=\"https:\/\/www.dmsjuridica.com\/buscador_20179478954\/corteconstitucionalcronologico202454587\/t-607-95\/\" class=\"_self pt-cv-href-thumbnail pt-cv-thumb-default\" target=\"_self\" ><\/a>\n<div class=\"pt-cv-taxoterm above_title\"><a href='https:\/\/www.dmsjuridica.com\/buscador_20179478954\/corteconstitucionalcronologico202454587\/category\/buscar-en-toda-la-corte\/1995\/tutelas-1995\/' title='Tutelas 1995' class='pt-cv-tax-tutelas-1995'>Tutelas 1995<\/a><\/div>\n<h4 class=\"pt-cv-title\"><a href=\"https:\/\/www.dmsjuridica.com\/buscador_20179478954\/corteconstitucionalcronologico202454587\/t-607-95\/\" class=\"_self\" target=\"_self\" >T 607 95<\/a><\/h4>\n<div class=\"pt-cv-content\">T-607-95 Sentencia T-607\/95 ACCION DE TUTELA CONTRA PARTICULARES-Prestaci\u00f3n de servicio p\u00fablico de educaci\u00f3n La acci\u00f3n de tutela procede contra particulares cuando estos se encuentren encargados de la prestaci\u00f3n de un servicio p\u00fablico; en este caso, el demandado es un ente particular, el Colegio, que presta el servicio p\u00fablico de educaci\u00f3n. DERECHO A LA EDUCACION-Expedici\u00f3n certificado de estudios\/ESTABLECIMIENTO EDUCATIVO-Expedici\u00f3n certificado de estudios\/MEDIO DE DEFENSA JUDICIAL-Cobro pensi\u00f3n de estudios Debe advertirse respecto de la expedici\u00f3n de certificados escolares solicitados por la actora, que este es un deber del colegio, que no puede retener tales documentos sopretexto de que no se le hayan ...<br \/><div class=\"pt-cv-rmwrap\"><a href=\"https:\/\/www.dmsjuridica.com\/buscador_20179478954\/corteconstitucionalcronologico202454587\/t-607-95\/\" class=\"_self pt-cv-readmore btn btn-success\" target=\"_self\">Ver Sentencia Completa...<\/a><\/div><\/div><\/div><\/div>\n<div class=\"col-md-12 col-sm-12 col-xs-12 pt-cv-content-item pt-cv-1-col\" ><div class='pt-cv-ifield'><a href=\"https:\/\/www.dmsjuridica.com\/buscador_20179478954\/corteconstitucionalcronologico202454587\/t-606-95\/\" class=\"_self pt-cv-href-thumbnail pt-cv-thumb-default\" target=\"_self\" ><\/a>\n<div class=\"pt-cv-taxoterm above_title\"><a href='https:\/\/www.dmsjuridica.com\/buscador_20179478954\/corteconstitucionalcronologico202454587\/category\/buscar-en-toda-la-corte\/1995\/tutelas-1995\/' title='Tutelas 1995' class='pt-cv-tax-tutelas-1995'>Tutelas 1995<\/a><\/div>\n<h4 class=\"pt-cv-title\"><a href=\"https:\/\/www.dmsjuridica.com\/buscador_20179478954\/corteconstitucionalcronologico202454587\/t-606-95\/\" class=\"_self\" target=\"_self\" >T 606 95<\/a><\/h4>\n<div class=\"pt-cv-content\">T-606-95 Sentencia No. T-606\/95 El derecho de petici\u00f3n se satisface con una pronta y oportuna respuesta, independientemente de si la misma se ajusta o no a las pretensiones e intereses del solicitante. SALARIO-Pago oportuno\/MEDIO DE DEFENSA JUDICIAL-Ineficacia para pago oportuno de salarios\/DEMANDA DE TUTELA-Pago oportuno de salarios a mujer embarazada Ante sus circunstancias especiales, como lo es su estado de gestaci\u00f3n, unidas a la mora de la administraci\u00f3n en el pago de sus salarios, no ser\u00eda justo que se le negara la tutela de su derecho para reclamar el pago oportuno de su salario, remiti\u00e9ndola a la v\u00eda judicial ordinaria ...<br \/><div class=\"pt-cv-rmwrap\"><a href=\"https:\/\/www.dmsjuridica.com\/buscador_20179478954\/corteconstitucionalcronologico202454587\/t-606-95\/\" class=\"_self pt-cv-readmore btn btn-success\" target=\"_self\">Ver Sentencia Completa...<\/a><\/div><\/div><\/div><\/div>\n<div class=\"col-md-12 col-sm-12 col-xs-12 pt-cv-content-item pt-cv-1-col\" ><div class='pt-cv-ifield'><a href=\"https:\/\/www.dmsjuridica.com\/buscador_20179478954\/corteconstitucionalcronologico202454587\/t-605-95\/\" class=\"_self pt-cv-href-thumbnail pt-cv-thumb-default\" target=\"_self\" ><\/a>\n<div class=\"pt-cv-taxoterm above_title\"><a href='https:\/\/www.dmsjuridica.com\/buscador_20179478954\/corteconstitucionalcronologico202454587\/category\/buscar-en-toda-la-corte\/1995\/tutelas-1995\/' title='Tutelas 1995' class='pt-cv-tax-tutelas-1995'>Tutelas 1995<\/a><\/div>\n<h4 class=\"pt-cv-title\"><a href=\"https:\/\/www.dmsjuridica.com\/buscador_20179478954\/corteconstitucionalcronologico202454587\/t-605-95\/\" class=\"_self\" target=\"_self\" >T 605 95<\/a><\/h4>\n<div class=\"pt-cv-content\">T-605-95 Sentencia No. T-605\/95 SUBORDINACION-Contrato entre particulares Si bien un contrato bilateral es fuente de obligaciones rec\u00edprocas, lo cual necesariamente implica cierto grado de sujeci\u00f3n o limitaci\u00f3n de la libertad de una de las partes con respecto a la otra, en raz\u00f3n de que aqu\u00e9llas suponen la asunci\u00f3n de conductas que pueden implicar el cumplimiento de prestaciones de dar, hacer o no hacer, no por ello la relaci\u00f3n jur\u00eddica contractual de suyo implica la existencia de subordinaci\u00f3n, dado que las partes se encuentran en un plano de igualdad y no se le confieren a una parte con respecto a la ...<br \/><div class=\"pt-cv-rmwrap\"><a href=\"https:\/\/www.dmsjuridica.com\/buscador_20179478954\/corteconstitucionalcronologico202454587\/t-605-95\/\" class=\"_self pt-cv-readmore btn btn-success\" target=\"_self\">Ver Sentencia Completa...<\/a><\/div><\/div><\/div><\/div>\n<div class=\"col-md-12 col-sm-12 col-xs-12 pt-cv-content-item pt-cv-1-col\" ><div class='pt-cv-ifield'><a href=\"https:\/\/www.dmsjuridica.com\/buscador_20179478954\/corteconstitucionalcronologico202454587\/t-604-95\/\" class=\"_self pt-cv-href-thumbnail pt-cv-thumb-default\" target=\"_self\" ><\/a>\n<div class=\"pt-cv-taxoterm above_title\"><a href='https:\/\/www.dmsjuridica.com\/buscador_20179478954\/corteconstitucionalcronologico202454587\/category\/buscar-en-toda-la-corte\/1995\/tutelas-1995\/' title='Tutelas 1995' class='pt-cv-tax-tutelas-1995'>Tutelas 1995<\/a><\/div>\n<h4 class=\"pt-cv-title\"><a href=\"https:\/\/www.dmsjuridica.com\/buscador_20179478954\/corteconstitucionalcronologico202454587\/t-604-95\/\" class=\"_self\" target=\"_self\" >T 604 95<\/a><\/h4>\n<div class=\"pt-cv-content\">T-604-95 Sentencia No. T-604\/95 MORA JUDICIAL-Efectos La verdadera afectaci\u00f3n causada por la dilaci\u00f3n injustificada del plazo recae sobre la seguridad jur\u00eddica que el proceso penal debe garantizar, no s\u00f3lo para las partes del mismo sino para la sociedad en su conjunto, ya que la certeza del derecho, es uno de los principios esenciales que informan al Estado de Derecho. MORA JUDICIAL-Dilaci\u00f3n injustificada de investigaci\u00f3n\/PROCESO PENAL-Incumplimiento de t\u00e9rminos procesales La falta de certeza sobre la existencia de un hecho delictivo o sobre la responsabilidad del procesado, no se soluciona a trav\u00e9s de la inactividad judicial, pues la funci\u00f3n del investigador y ...<br \/><div class=\"pt-cv-rmwrap\"><a href=\"https:\/\/www.dmsjuridica.com\/buscador_20179478954\/corteconstitucionalcronologico202454587\/t-604-95\/\" class=\"_self pt-cv-readmore btn btn-success\" target=\"_self\">Ver Sentencia Completa...<\/a><\/div><\/div><\/div><\/div>\n<div class=\"col-md-12 col-sm-12 col-xs-12 pt-cv-content-item pt-cv-1-col\" ><div class='pt-cv-ifield'><a href=\"https:\/\/www.dmsjuridica.com\/buscador_20179478954\/corteconstitucionalcronologico202454587\/t-603-95\/\" class=\"_self pt-cv-href-thumbnail pt-cv-thumb-default\" target=\"_self\" ><\/a>\n<div class=\"pt-cv-taxoterm above_title\"><a href='https:\/\/www.dmsjuridica.com\/buscador_20179478954\/corteconstitucionalcronologico202454587\/category\/buscar-en-toda-la-corte\/1995\/tutelas-1995\/' title='Tutelas 1995' class='pt-cv-tax-tutelas-1995'>Tutelas 1995<\/a><\/div>\n<h4 class=\"pt-cv-title\"><a href=\"https:\/\/www.dmsjuridica.com\/buscador_20179478954\/corteconstitucionalcronologico202454587\/t-603-95\/\" class=\"_self\" target=\"_self\" >T 603 95<\/a><\/h4>\n<div class=\"pt-cv-content\">T-603-95 Sentencia No. T-603\/95 CONCURSO DE MERITOS-Carencia actual de objeto\/DEMANDA DE TUTELA-Reclamaci\u00f3n de perjuicios Habiendo renunciado el actor a mantenerse en la situaci\u00f3n jur\u00eddica que, seg\u00fan \u00e9l, le hac\u00eda merecedor de la tutela impetrada, la revisi\u00f3n del presente proceso carece de objeto, pues, a\u00fan en el caso de encontrarse fundadas sus pretensiones, el juez de tutela no podr\u00eda ordenar que se hagan efectivos los derechos de quien ya no est\u00e1, por su propia voluntad, en situaci\u00f3n de ejercerlos. Sin embargo, si los derechos del actor efectivamente fueron violados, asi se deber\u00e1 declarar en la sentencia, para hacer posible la reclamaci\u00f3n ...<br \/><div class=\"pt-cv-rmwrap\"><a href=\"https:\/\/www.dmsjuridica.com\/buscador_20179478954\/corteconstitucionalcronologico202454587\/t-603-95\/\" class=\"_self pt-cv-readmore btn btn-success\" target=\"_self\">Ver Sentencia Completa...<\/a><\/div><\/div><\/div><\/div>\n<div class=\"col-md-12 col-sm-12 col-xs-12 pt-cv-content-item pt-cv-1-col\" ><div class='pt-cv-ifield'><a href=\"https:\/\/www.dmsjuridica.com\/buscador_20179478954\/corteconstitucionalcronologico202454587\/t-602-95\/\" class=\"_self pt-cv-href-thumbnail pt-cv-thumb-default\" target=\"_self\" ><\/a>\n<div class=\"pt-cv-taxoterm above_title\"><a href='https:\/\/www.dmsjuridica.com\/buscador_20179478954\/corteconstitucionalcronologico202454587\/category\/buscar-en-toda-la-corte\/1995\/tutelas-1995\/' title='Tutelas 1995' class='pt-cv-tax-tutelas-1995'>Tutelas 1995<\/a><\/div>\n<h4 class=\"pt-cv-title\"><a href=\"https:\/\/www.dmsjuridica.com\/buscador_20179478954\/corteconstitucionalcronologico202454587\/t-602-95\/\" class=\"_self\" target=\"_self\" >T 602 95<\/a><\/h4>\n<div class=\"pt-cv-content\">T-602-95 Sentencia No. T-602\/95 LIBERTAD DE EXPRESION-Prevalencia limitada El derecho a la libertad de expresi\u00f3n es prevalente, y generalmente se le otorga primac\u00eda sobre los derechos al buen nombre y a la honra, con los cuales frecuentemente resulta enfrentado, \"salvo que se demuestre por el afectado la intenci\u00f3n da\u00f1ina o la negligencia al presentar hechos falsos, parciales, incompletos o inexactos que vulneran o amenazan sus derechos fundamentales\". En ejercicio de la libertad de expresi\u00f3n, toda persona es libre de opinar lo que a bien tenga, sin importar qu\u00e9 tan molesta, equivocada, provocadora, revolucionaria o inmoral pueda ser la idea expresada ...<br \/><div class=\"pt-cv-rmwrap\"><a href=\"https:\/\/www.dmsjuridica.com\/buscador_20179478954\/corteconstitucionalcronologico202454587\/t-602-95\/\" class=\"_self pt-cv-readmore btn btn-success\" target=\"_self\">Ver Sentencia Completa...<\/a><\/div><\/div><\/div><\/div>\n<div class=\"col-md-12 col-sm-12 col-xs-12 pt-cv-content-item pt-cv-1-col\" ><div class='pt-cv-ifield'><a href=\"https:\/\/www.dmsjuridica.com\/buscador_20179478954\/corteconstitucionalcronologico202454587\/t-601-95\/\" class=\"_self pt-cv-href-thumbnail pt-cv-thumb-default\" target=\"_self\" ><\/a>\n<div class=\"pt-cv-taxoterm above_title\"><a href='https:\/\/www.dmsjuridica.com\/buscador_20179478954\/corteconstitucionalcronologico202454587\/category\/buscar-en-toda-la-corte\/1995\/tutelas-1995\/' title='Tutelas 1995' class='pt-cv-tax-tutelas-1995'>Tutelas 1995<\/a><\/div>\n<h4 class=\"pt-cv-title\"><a href=\"https:\/\/www.dmsjuridica.com\/buscador_20179478954\/corteconstitucionalcronologico202454587\/t-601-95\/\" class=\"_self\" target=\"_self\" >T 601 95<\/a><\/h4>\n<div class=\"pt-cv-content\">T-601-95 Sentencia No. T-601\/95 UNIDAD AGRICOLA FAMILIAR-Enajenaci\u00f3n autorizada por el Incora\/DEMANDA DE TUTELA-Autorizaci\u00f3n del Incora para adjudicaci\u00f3n de terreno La autorizaci\u00f3n dada por el INCORA para la enajenaci\u00f3n, gravamen o arrendamiento de una Unidad Agr\u00edcola Familiar tiene por objeto verificar que efectivamente tenga como destinatario al campesino de escasos recursos que no es propietario de tierras. En efecto, la autorizaci\u00f3n simplemente es un filtro para proteger una de las finalidades de la reforma agraria: la redistribuci\u00f3n de tierras en el sector campesino deprimido. Con el acto de autorizaci\u00f3n el Instituto de la Reforma Agraria no se involucra en la relaci\u00f3n ...<br \/><div class=\"pt-cv-rmwrap\"><a href=\"https:\/\/www.dmsjuridica.com\/buscador_20179478954\/corteconstitucionalcronologico202454587\/t-601-95\/\" class=\"_self pt-cv-readmore btn btn-success\" target=\"_self\">Ver Sentencia Completa...<\/a><\/div><\/div><\/div><\/div>\n<div class=\"col-md-12 col-sm-12 col-xs-12 pt-cv-content-item pt-cv-1-col\" ><div class='pt-cv-ifield'><a href=\"https:\/\/www.dmsjuridica.com\/buscador_20179478954\/corteconstitucionalcronologico202454587\/t-600-95\/\" class=\"_self pt-cv-href-thumbnail pt-cv-thumb-default\" target=\"_self\" ><\/a>\n<div class=\"pt-cv-taxoterm above_title\"><a href='https:\/\/www.dmsjuridica.com\/buscador_20179478954\/corteconstitucionalcronologico202454587\/category\/buscar-en-toda-la-corte\/1995\/tutelas-1995\/' title='Tutelas 1995' class='pt-cv-tax-tutelas-1995'>Tutelas 1995<\/a><\/div>\n<h4 class=\"pt-cv-title\"><a href=\"https:\/\/www.dmsjuridica.com\/buscador_20179478954\/corteconstitucionalcronologico202454587\/t-600-95\/\" class=\"_self\" target=\"_self\" >T 600 95<\/a><\/h4>\n<div class=\"pt-cv-content\">T-600-95 Sentencia No. T-600\/95 RECONSTRUCCION DE EXPEDIENTE-Tr\u00e1mite La reconstrucci\u00f3n de expediente est\u00e1 reglamentada por el C\u00f3digo de Procedimiento Civil; aunque all\u00ed no se fijan t\u00e9rminos, es obvio que la reconstrucci\u00f3n debe hacerse a la mayor brevedad. Debe preocuparse por el tr\u00e1mite pronto y preferencial de la reconstrucci\u00f3n. Es m\u00e1s el interesado puede formular las quejas y denuncias que estime pertinentes en caso de demora, no s\u00f3lo es un derecho que tiene sino una forma de averiguar por qu\u00e9 y en d\u00f3nde se extrav\u00edo el expediente. Ref.: Expediente T-69616 Peticionarios: Rafael Escall\u00f3n G\u00f3ngora Procedencia: Tribunal Administrativo de Bol\u00edvar. Magistrado Ponente: Dr ...<br \/><div class=\"pt-cv-rmwrap\"><a href=\"https:\/\/www.dmsjuridica.com\/buscador_20179478954\/corteconstitucionalcronologico202454587\/t-600-95\/\" class=\"_self pt-cv-readmore btn btn-success\" target=\"_self\">Ver Sentencia Completa...<\/a><\/div><\/div><\/div><\/div>\n<div class=\"col-md-12 col-sm-12 col-xs-12 pt-cv-content-item pt-cv-1-col\" ><div class='pt-cv-ifield'><a href=\"https:\/\/www.dmsjuridica.com\/buscador_20179478954\/corteconstitucionalcronologico202454587\/t-597-95\/\" class=\"_self pt-cv-href-thumbnail pt-cv-thumb-default\" target=\"_self\" ><\/a>\n<div class=\"pt-cv-taxoterm above_title\"><a href='https:\/\/www.dmsjuridica.com\/buscador_20179478954\/corteconstitucionalcronologico202454587\/category\/buscar-en-toda-la-corte\/1995\/tutelas-1995\/' title='Tutelas 1995' class='pt-cv-tax-tutelas-1995'>Tutelas 1995<\/a><\/div>\n<h4 class=\"pt-cv-title\"><a href=\"https:\/\/www.dmsjuridica.com\/buscador_20179478954\/corteconstitucionalcronologico202454587\/t-597-95\/\" class=\"_self\" target=\"_self\" >T 597 95<\/a><\/h4>\n<div class=\"pt-cv-content\">T-597-95 Sentencia No. T-597\/95 ACCION DE TUTELA-Carencia actual de objeto El objeto de la acci\u00f3n de tutela es el de asegurar la efectiva vigencia de los derechos fundamentales, mediante mandatos judiciales inmediatos y perentorios para que el responsable de la agresi\u00f3n o amenaza de aqu\u00e9llos haga o deje de hacer algo, seg\u00fan que haya incurrido en omisi\u00f3n o en acci\u00f3n contraria a la Carta Pol\u00edtica. Ese objeto se pierde cuando el desarrollo mismo de los acontecimientos llevados a conocimiento del juez hace que desaparezcan los motivos de perturbaci\u00f3n o peligro para los derechos fundamentales materia de protecci\u00f3n constitucional y que, ...<br \/><div class=\"pt-cv-rmwrap\"><a href=\"https:\/\/www.dmsjuridica.com\/buscador_20179478954\/corteconstitucionalcronologico202454587\/t-597-95\/\" class=\"_self pt-cv-readmore btn btn-success\" target=\"_self\">Ver Sentencia Completa...<\/a><\/div><\/div><\/div><\/div>\n<div class=\"col-md-12 col-sm-12 col-xs-12 pt-cv-content-item pt-cv-1-col\" ><div class='pt-cv-ifield'><a href=\"https:\/\/www.dmsjuridica.com\/buscador_20179478954\/corteconstitucionalcronologico202454587\/t-581-95\/\" class=\"_self pt-cv-href-thumbnail pt-cv-thumb-default\" target=\"_self\" ><\/a>\n<div class=\"pt-cv-taxoterm above_title\"><a href='https:\/\/www.dmsjuridica.com\/buscador_20179478954\/corteconstitucionalcronologico202454587\/category\/buscar-en-toda-la-corte\/1995\/tutelas-1995\/' title='Tutelas 1995' class='pt-cv-tax-tutelas-1995'>Tutelas 1995<\/a><\/div>\n<h4 class=\"pt-cv-title\"><a href=\"https:\/\/www.dmsjuridica.com\/buscador_20179478954\/corteconstitucionalcronologico202454587\/t-581-95\/\" class=\"_self\" target=\"_self\" >T 581 95<\/a><\/h4>\n<div class=\"pt-cv-content\">T-581-95 Sentencia No. T-581\/95 ACCION DE TUTELA CONTRA AUTO DE TRAMITE-Entrega de menor al padre No resultaba jur\u00eddicamente l\u00f3gico que, mediante un auto de simple tr\u00e1mite, sin posibilidad de recurrirlo, se otorgara el cuidado personal de la menor a quien hab\u00eda sido denunciada por retenerla en forma ilegal. VIA DE HECHO-Desconocimiento de paternidad sobre menor\/TENENCIA Y CUIDADO PERSONAL DEL NI\u00d1O-Entrega provisional al padre Toda v\u00eda de hecho en un proceso hace procedente la acci\u00f3n de tutela, pues tal v\u00eda de hecho debe ser capaz de producir la vulneraci\u00f3n de derechos fundamentales, para ser objeto de tutela, como ocurri\u00f3 en el ...<br \/><div class=\"pt-cv-rmwrap\"><a href=\"https:\/\/www.dmsjuridica.com\/buscador_20179478954\/corteconstitucionalcronologico202454587\/t-581-95\/\" class=\"_self pt-cv-readmore btn btn-success\" target=\"_self\">Ver Sentencia Completa...<\/a><\/div><\/div><\/div><\/div>\n<div class=\"col-md-12 col-sm-12 col-xs-12 pt-cv-content-item pt-cv-1-col\" ><div class='pt-cv-ifield'><a href=\"https:\/\/www.dmsjuridica.com\/buscador_20179478954\/corteconstitucionalcronologico202454587\/t-580-95\/\" class=\"_self pt-cv-href-thumbnail pt-cv-thumb-default\" target=\"_self\" ><\/a>\n<div class=\"pt-cv-taxoterm above_title\"><a href='https:\/\/www.dmsjuridica.com\/buscador_20179478954\/corteconstitucionalcronologico202454587\/category\/buscar-en-toda-la-corte\/1995\/tutelas-1995\/' title='Tutelas 1995' class='pt-cv-tax-tutelas-1995'>Tutelas 1995<\/a><\/div>\n<h4 class=\"pt-cv-title\"><a href=\"https:\/\/www.dmsjuridica.com\/buscador_20179478954\/corteconstitucionalcronologico202454587\/t-580-95\/\" class=\"_self\" target=\"_self\" >T 580 95<\/a><\/h4>\n<div class=\"pt-cv-content\">T-580-95 Sentencia No. T-580\/95 DERECHO A LA INFORMACION-Autorizaci\u00f3n previa Es requisito esencial para pasar leg\u00edtimamente informaci\u00f3n crediticia a un banco de datos, el consentimiento expreso del titular. No existe disposici\u00f3n alguna que obligue a las entidades financieras a trasladar referencias comerciales o crediticias a centrales privadas de informaci\u00f3n, al margen de la autorizaci\u00f3n previa y expresa del titular del dato. DICIEMBRE 5 DE 1995 Ref.: Expediente T-78716 Actor: Oscar Alfredo Li\u00e9vano Rojas Tema: - Habeas data - Autorizaci\u00f3n del titular del dato Magistrado Ponente: La Sala Tercera de Revisi\u00f3n de la Corte Constitucional, integrada por los Magistrados Eduardo Cifuentes Mu\u00f1oz, ...<br \/><div class=\"pt-cv-rmwrap\"><a href=\"https:\/\/www.dmsjuridica.com\/buscador_20179478954\/corteconstitucionalcronologico202454587\/t-580-95\/\" class=\"_self pt-cv-readmore btn btn-success\" target=\"_self\">Ver Sentencia Completa...<\/a><\/div><\/div><\/div><\/div>\n<div class=\"col-md-12 col-sm-12 col-xs-12 pt-cv-content-item pt-cv-1-col\" ><div class='pt-cv-ifield'><a href=\"https:\/\/www.dmsjuridica.com\/buscador_20179478954\/corteconstitucionalcronologico202454587\/t-579-95\/\" class=\"_self pt-cv-href-thumbnail pt-cv-thumb-default\" target=\"_self\" ><\/a>\n<div class=\"pt-cv-taxoterm above_title\"><a href='https:\/\/www.dmsjuridica.com\/buscador_20179478954\/corteconstitucionalcronologico202454587\/category\/buscar-en-toda-la-corte\/1995\/tutelas-1995\/' title='Tutelas 1995' class='pt-cv-tax-tutelas-1995'>Tutelas 1995<\/a><\/div>\n<h4 class=\"pt-cv-title\"><a href=\"https:\/\/www.dmsjuridica.com\/buscador_20179478954\/corteconstitucionalcronologico202454587\/t-579-95\/\" class=\"_self\" target=\"_self\" >T 579 95<\/a><\/h4>\n<div class=\"pt-cv-content\">T-579-95 Sentencia No. T-579\/95 LIBERTAD ECONOMICA-Control de conducta de trabajadores\/LIBERTAD DE EMPRESA-Control conducta de trabajadores\/MEDIOS DE CONTROL SOCIAL-Conducta de trabajadores En el \u00e1mbito de la actividad econ\u00f3mica y la libre empresa, los patronos tienen derecho a la defensa de sus intereses leg\u00edtimos mediante la adopci\u00f3n de medidas de control de la conducta de los trabajadores. Las condiciones pactadas en el contrato de trabajo, los reglamentos internos que regulan las obligaciones de los empleados, los informes sobre sus actividades, calidad y rendimiento laboral, son instrumentos en principio l\u00edcitos y de uso com\u00fan para la regulaci\u00f3n de la conducta de los trabajadores ...<br \/><div class=\"pt-cv-rmwrap\"><a href=\"https:\/\/www.dmsjuridica.com\/buscador_20179478954\/corteconstitucionalcronologico202454587\/t-579-95\/\" class=\"_self pt-cv-readmore btn btn-success\" target=\"_self\">Ver Sentencia Completa...<\/a><\/div><\/div><\/div><\/div>\n<div class=\"col-md-12 col-sm-12 col-xs-12 pt-cv-content-item pt-cv-1-col\" ><div class='pt-cv-ifield'><a href=\"https:\/\/www.dmsjuridica.com\/buscador_20179478954\/corteconstitucionalcronologico202454587\/t-576-95\/\" class=\"_self pt-cv-href-thumbnail pt-cv-thumb-default\" target=\"_self\" ><\/a>\n<div class=\"pt-cv-taxoterm above_title\"><a href='https:\/\/www.dmsjuridica.com\/buscador_20179478954\/corteconstitucionalcronologico202454587\/category\/buscar-en-toda-la-corte\/1995\/tutelas-1995\/' title='Tutelas 1995' class='pt-cv-tax-tutelas-1995'>Tutelas 1995<\/a><\/div>\n<h4 class=\"pt-cv-title\"><a href=\"https:\/\/www.dmsjuridica.com\/buscador_20179478954\/corteconstitucionalcronologico202454587\/t-576-95\/\" class=\"_self\" target=\"_self\" >T 576 95<\/a><\/h4>\n<div class=\"pt-cv-content\">T-576-95 Sentencia No. T-576\/95 CARRERA ADMINISTRATIVA-Reubicaci\u00f3n preferencial en cargo\/DEMANDA DE TUTELA-Procedencia para reubicaci\u00f3n preferencial de funcionario Se ofrece al funcionario de carrera que debe ser retirado del servicio por motivos de modernizaci\u00f3n y\/o reestructuraci\u00f3n de la entidad a la que se encontraba vinculado, con el objeto de resarcirlo, la oportunidad de optar, bien por la indemnizaci\u00f3n, bien por el derecho preferencial a ser reubicado en un cargo equivalente. Procede la acci\u00f3n de tutela por inexistencia de otro mecanismo judicial de defensa. Ref.: Expediente No. T-81320 Actora: Miryam Guzm\u00e1n Sequea Magistrado Ponente: Dr. FABIO MORON DIAZ Santaf\u00e9 de Bogot\u00e1 D.C., diciembre ...<br \/><div class=\"pt-cv-rmwrap\"><a href=\"https:\/\/www.dmsjuridica.com\/buscador_20179478954\/corteconstitucionalcronologico202454587\/t-576-95\/\" class=\"_self pt-cv-readmore btn btn-success\" target=\"_self\">Ver Sentencia Completa...<\/a><\/div><\/div><\/div><\/div>\n<div class=\"col-md-12 col-sm-12 col-xs-12 pt-cv-content-item pt-cv-1-col\" ><div class='pt-cv-ifield'><a href=\"https:\/\/www.dmsjuridica.com\/buscador_20179478954\/corteconstitucionalcronologico202454587\/t-575-95\/\" class=\"_self pt-cv-href-thumbnail pt-cv-thumb-default\" target=\"_self\" ><\/a>\n<div class=\"pt-cv-taxoterm above_title\"><a href='https:\/\/www.dmsjuridica.com\/buscador_20179478954\/corteconstitucionalcronologico202454587\/category\/buscar-en-toda-la-corte\/1995\/tutelas-1995\/' title='Tutelas 1995' class='pt-cv-tax-tutelas-1995'>Tutelas 1995<\/a><\/div>\n<h4 class=\"pt-cv-title\"><a href=\"https:\/\/www.dmsjuridica.com\/buscador_20179478954\/corteconstitucionalcronologico202454587\/t-575-95\/\" class=\"_self\" target=\"_self\" >T 575 95<\/a><\/h4>\n<div class=\"pt-cv-content\">T-575-95 Sentencia No. T-575\/95 DEMANDA DE TUTELA-Presentaci\u00f3n por varias personas\/PRINCIPIO DE ECONOMIA PROCESAL-Ejercicio de la tutela por varias personas La acci\u00f3n de tutela fue instaurada por varias personas, situaci\u00f3n que no la torna improcedente ya que lo que busca el mecanismo constitucional es la protecci\u00f3n de los derechos constitucionales fundamentales. Ellos pueden ser objeto de violaci\u00f3n o amenaza en cabeza de una persona o de varias por la misma causa y es evidente que, si as\u00ed ocurre, si cada uno de los sujetos est\u00e1 directamente afectado, ning\u00fan motivo pr\u00e1ctico ni jur\u00eddico ser\u00eda v\u00e1lido para exigir que se ejercieran sendas acciones ...<br \/><div class=\"pt-cv-rmwrap\"><a href=\"https:\/\/www.dmsjuridica.com\/buscador_20179478954\/corteconstitucionalcronologico202454587\/t-575-95\/\" class=\"_self pt-cv-readmore btn btn-success\" target=\"_self\">Ver Sentencia Completa...<\/a><\/div><\/div><\/div><\/div>\n<div class=\"col-md-12 col-sm-12 col-xs-12 pt-cv-content-item pt-cv-1-col\" ><div class='pt-cv-ifield'><a href=\"https:\/\/www.dmsjuridica.com\/buscador_20179478954\/corteconstitucionalcronologico202454587\/t-574-95\/\" class=\"_self pt-cv-href-thumbnail pt-cv-thumb-default\" target=\"_self\" ><\/a>\n<div class=\"pt-cv-taxoterm above_title\"><a href='https:\/\/www.dmsjuridica.com\/buscador_20179478954\/corteconstitucionalcronologico202454587\/category\/buscar-en-toda-la-corte\/1995\/tutelas-1995\/' title='Tutelas 1995' class='pt-cv-tax-tutelas-1995'>Tutelas 1995<\/a><\/div>\n<h4 class=\"pt-cv-title\"><a href=\"https:\/\/www.dmsjuridica.com\/buscador_20179478954\/corteconstitucionalcronologico202454587\/t-574-95\/\" class=\"_self\" target=\"_self\" >T 574 95<\/a><\/h4>\n<div class=\"pt-cv-content\">T-574-95 Sentencia No. T-574\/95 NULIDAD POR FALTA DE COMPETENCIA-Saneamiento por no alegaci\u00f3n El Juzgado imparti\u00f3 el tr\u00e1mite a la acci\u00f3n y produjo la sentencia que en esta oportunidad se revisa, habi\u00e9ndose ocupado de comunicar al Hospital la admisi\u00f3n de la solicitud y el adelantamiento de las diligencias pertinentes. La parte demandada no aleg\u00f3 en relaci\u00f3n con la irregularidad anotada y, por tal raz\u00f3n, la Sala considera que la nulidad derivada de la falta de competencia qued\u00f3 saneada. DERECHO DE PETICION-Pronta resoluci\u00f3n\/PRESUNCION DE VERACIDAD-Resoluci\u00f3n de solicitudes Lo que se pretende mediante la acci\u00f3n intentada es conocer el resultado de la investigaci\u00f3n ...<br \/><div class=\"pt-cv-rmwrap\"><a href=\"https:\/\/www.dmsjuridica.com\/buscador_20179478954\/corteconstitucionalcronologico202454587\/t-574-95\/\" class=\"_self pt-cv-readmore btn btn-success\" target=\"_self\">Ver Sentencia Completa...<\/a><\/div><\/div><\/div><\/div>\n<div class=\"col-md-12 col-sm-12 col-xs-12 pt-cv-content-item pt-cv-1-col\" ><div class='pt-cv-ifield'><a href=\"https:\/\/www.dmsjuridica.com\/buscador_20179478954\/corteconstitucionalcronologico202454587\/t-573-95\/\" class=\"_self pt-cv-href-thumbnail pt-cv-thumb-default\" target=\"_self\" ><\/a>\n<div class=\"pt-cv-taxoterm above_title\"><a href='https:\/\/www.dmsjuridica.com\/buscador_20179478954\/corteconstitucionalcronologico202454587\/category\/buscar-en-toda-la-corte\/1995\/tutelas-1995\/' title='Tutelas 1995' class='pt-cv-tax-tutelas-1995'>Tutelas 1995<\/a><\/div>\n<h4 class=\"pt-cv-title\"><a href=\"https:\/\/www.dmsjuridica.com\/buscador_20179478954\/corteconstitucionalcronologico202454587\/t-573-95\/\" class=\"_self\" target=\"_self\" >T 573 95<\/a><\/h4>\n<div class=\"pt-cv-content\">T-573-95 Sentencia No. T-573\/95 DERECHO A LA EDUCACION-Naturaleza El derecho a la educaci\u00f3n debe entenderse como factor de desarrollo humano, su ejercicio es uno de los elementos indispensables para que el ser humano adquiera herramientas que le permitan en forma eficaz desempe\u00f1arse en el medio cultural que habita, recibir y racionalizar la informaci\u00f3n que existe a su alrededor y ampliar sus conocimientos a medida que se desarrolla como individuo; es por ello que la educaci\u00f3n cumple una funci\u00f3n social que hace que dicha garant\u00eda se considere como un derecho deber que genera para las partes del proceso educativo obligaciones rec\u00edprocas ...<br \/><div class=\"pt-cv-rmwrap\"><a href=\"https:\/\/www.dmsjuridica.com\/buscador_20179478954\/corteconstitucionalcronologico202454587\/t-573-95\/\" class=\"_self pt-cv-readmore btn btn-success\" target=\"_self\">Ver Sentencia Completa...<\/a><\/div><\/div><\/div><\/div>\n<div class=\"col-md-12 col-sm-12 col-xs-12 pt-cv-content-item pt-cv-1-col\" ><div class='pt-cv-ifield'><a href=\"https:\/\/www.dmsjuridica.com\/buscador_20179478954\/corteconstitucionalcronologico202454587\/t-572-95\/\" class=\"_self pt-cv-href-thumbnail pt-cv-thumb-default\" target=\"_self\" ><\/a>\n<div class=\"pt-cv-taxoterm above_title\"><a href='https:\/\/www.dmsjuridica.com\/buscador_20179478954\/corteconstitucionalcronologico202454587\/category\/buscar-en-toda-la-corte\/1995\/tutelas-1995\/' title='Tutelas 1995' class='pt-cv-tax-tutelas-1995'>Tutelas 1995<\/a><\/div>\n<h4 class=\"pt-cv-title\"><a href=\"https:\/\/www.dmsjuridica.com\/buscador_20179478954\/corteconstitucionalcronologico202454587\/t-572-95\/\" class=\"_self\" target=\"_self\" >T 572 95<\/a><\/h4>\n<div class=\"pt-cv-content\">T-572-95 Sentencia No. T-572\/95 DERECHO DE PETICION-Pronta resoluci\u00f3n SILENCIO ADMINISTRATIVO NEGATIVO-Resoluci\u00f3n de solicitudes El silencio administrativo no satisface las exigencias del derecho de petici\u00f3n y, por el contrario, es la mejor prueba de que ha sido violado. La presunci\u00f3n de un acto demandable tiene por objeto permitirle al particular llevar su asunto a conocimiento de la jurisdicci\u00f3n de lo contencioso administrativo, pero de ninguna manera sustituye la obligaci\u00f3n de resolver las peticiones que, por expreso mandato constitucional, ata\u00f1e a las autoridades p\u00fablicas. Ref.: Expediente No. T-79867 Actor: Alexander Zapata Castro Magistrado Ponente: Dr. FABIO MORON DIAZ Santaf\u00e9 de Bogot\u00e1 D.C., ...<br \/><div class=\"pt-cv-rmwrap\"><a href=\"https:\/\/www.dmsjuridica.com\/buscador_20179478954\/corteconstitucionalcronologico202454587\/t-572-95\/\" class=\"_self pt-cv-readmore btn btn-success\" target=\"_self\">Ver Sentencia Completa...<\/a><\/div><\/div><\/div><\/div>\n<div class=\"col-md-12 col-sm-12 col-xs-12 pt-cv-content-item pt-cv-1-col\" ><div class='pt-cv-ifield'><a href=\"https:\/\/www.dmsjuridica.com\/buscador_20179478954\/corteconstitucionalcronologico202454587\/t-571-95\/\" class=\"_self pt-cv-href-thumbnail pt-cv-thumb-default\" target=\"_self\" ><\/a>\n<div class=\"pt-cv-taxoterm above_title\"><a href='https:\/\/www.dmsjuridica.com\/buscador_20179478954\/corteconstitucionalcronologico202454587\/category\/buscar-en-toda-la-corte\/1995\/tutelas-1995\/' title='Tutelas 1995' class='pt-cv-tax-tutelas-1995'>Tutelas 1995<\/a><\/div>\n<h4 class=\"pt-cv-title\"><a href=\"https:\/\/www.dmsjuridica.com\/buscador_20179478954\/corteconstitucionalcronologico202454587\/t-571-95\/\" class=\"_self\" target=\"_self\" >T 571 95<\/a><\/h4>\n<div class=\"pt-cv-content\">T-571-95 Sentencia No. T-571\/95 DERECHO A LA VIDA-Extrema necesidad La dignidad de la vida humana, es el eje central sobre el cual giran los dem\u00e1s derechos fundamentales y sociales del hombre en comunidad; es m\u00e1s, el Estado tiene su raz\u00f3n de ser en la protecci\u00f3n de la vida humana y debe proyectar su funci\u00f3n en aras de una m\u00e1s justa calidad de vida. Le corresponde al Estado, a trav\u00e9s de sus diversos \u00f3rganos colocar todos los medios posibles y adecuados a su alcance para proteger la vida humana de quienes se encuentran en condiciones de debilidad manifiesta y en estado ...<br \/><div class=\"pt-cv-rmwrap\"><a href=\"https:\/\/www.dmsjuridica.com\/buscador_20179478954\/corteconstitucionalcronologico202454587\/t-571-95\/\" class=\"_self pt-cv-readmore btn btn-success\" target=\"_self\">Ver Sentencia Completa...<\/a><\/div><\/div><\/div><\/div>\n<div class=\"col-md-12 col-sm-12 col-xs-12 pt-cv-content-item pt-cv-1-col\" ><div class='pt-cv-ifield'><a href=\"https:\/\/www.dmsjuridica.com\/buscador_20179478954\/corteconstitucionalcronologico202454587\/t-570-95\/\" class=\"_self pt-cv-href-thumbnail pt-cv-thumb-default\" target=\"_self\" ><\/a>\n<div class=\"pt-cv-taxoterm above_title\"><a href='https:\/\/www.dmsjuridica.com\/buscador_20179478954\/corteconstitucionalcronologico202454587\/category\/buscar-en-toda-la-corte\/1995\/tutelas-1995\/' title='Tutelas 1995' class='pt-cv-tax-tutelas-1995'>Tutelas 1995<\/a><\/div>\n<h4 class=\"pt-cv-title\"><a href=\"https:\/\/www.dmsjuridica.com\/buscador_20179478954\/corteconstitucionalcronologico202454587\/t-570-95\/\" class=\"_self\" target=\"_self\" >T 570 95<\/a><\/h4>\n<div class=\"pt-cv-content\">T-570-95 Sentencia No. T-570\/95 DERECHO DE PETICION-Proyecto de resoluci\u00f3n Se afirma que la petici\u00f3n se ha tramitado en debida forma y que el acto administrativo de reconocimiento con el proyecto respectivo, se encuentra en la divisi\u00f3n de reconocimiento para la firma y posterior radicaci\u00f3n; lo cual implica la no existencia de una respuesta, y en consecuencia, la violaci\u00f3n del derecho del peticionario, pues es evidente que ha transcurrido un tiempo m\u00e1s que razonable para que la entidad se hubiese pronunciado. SILENCIO ADMINISTRATIVO NEGATIVO-Resoluci\u00f3n de solicitudes Esta Sala no comparte las consideraciones, en cuanto a que se produjo el fen\u00f3meno del ...<br \/><div class=\"pt-cv-rmwrap\"><a href=\"https:\/\/www.dmsjuridica.com\/buscador_20179478954\/corteconstitucionalcronologico202454587\/t-570-95\/\" class=\"_self pt-cv-readmore btn btn-success\" target=\"_self\">Ver Sentencia Completa...<\/a><\/div><\/div><\/div><\/div>\n<div class=\"col-md-12 col-sm-12 col-xs-12 pt-cv-content-item pt-cv-1-col\" ><div class='pt-cv-ifield'><a href=\"https:\/\/www.dmsjuridica.com\/buscador_20179478954\/corteconstitucionalcronologico202454587\/t-569-95\/\" class=\"_self pt-cv-href-thumbnail pt-cv-thumb-default\" target=\"_self\" ><\/a>\n<div class=\"pt-cv-taxoterm above_title\"><a href='https:\/\/www.dmsjuridica.com\/buscador_20179478954\/corteconstitucionalcronologico202454587\/category\/buscar-en-toda-la-corte\/1995\/tutelas-1995\/' title='Tutelas 1995' class='pt-cv-tax-tutelas-1995'>Tutelas 1995<\/a><\/div>\n<h4 class=\"pt-cv-title\"><a href=\"https:\/\/www.dmsjuridica.com\/buscador_20179478954\/corteconstitucionalcronologico202454587\/t-569-95\/\" class=\"_self\" target=\"_self\" >T 569 95<\/a><\/h4>\n<div class=\"pt-cv-content\">T-569-95 Sentencia No. T-569\/95 DERECHO A LA PROPIEDAD-L\u00edmites El derecho a la propiedad privada no es absoluto y puede verse delimitado por la ley y a\u00fan por los reglamentos administrativos de orden local y en algunos casos limitado efectivamente en el mismo \u00e1mbito de la administraci\u00f3n, con fundamento en la Constituci\u00f3n y en la ley, en beneficio del inter\u00e9s general. DERECHO A LA VIVIENDA DIGNA-Fundamental por conexidad El derecho constitucional a la vivienda digna no es un derecho fundamental, s\u00f3lo puede ser objeto de protecci\u00f3n o tutela judicial mediante las acciones y los procedimientos judiciales que se establezcan en la ...<br \/><div class=\"pt-cv-rmwrap\"><a href=\"https:\/\/www.dmsjuridica.com\/buscador_20179478954\/corteconstitucionalcronologico202454587\/t-569-95\/\" class=\"_self pt-cv-readmore btn btn-success\" target=\"_self\">Ver Sentencia Completa...<\/a><\/div><\/div><\/div><\/div>\n<div class=\"col-md-12 col-sm-12 col-xs-12 pt-cv-content-item pt-cv-1-col\" ><div class='pt-cv-ifield'><a href=\"https:\/\/www.dmsjuridica.com\/buscador_20179478954\/corteconstitucionalcronologico202454587\/t-559-95\/\" class=\"_self pt-cv-href-thumbnail pt-cv-thumb-default\" target=\"_self\" ><\/a>\n<div class=\"pt-cv-taxoterm above_title\"><a href='https:\/\/www.dmsjuridica.com\/buscador_20179478954\/corteconstitucionalcronologico202454587\/category\/buscar-en-toda-la-corte\/1995\/tutelas-1995\/' title='Tutelas 1995' class='pt-cv-tax-tutelas-1995'>Tutelas 1995<\/a><\/div>\n<h4 class=\"pt-cv-title\"><a href=\"https:\/\/www.dmsjuridica.com\/buscador_20179478954\/corteconstitucionalcronologico202454587\/t-559-95\/\" class=\"_self\" target=\"_self\" >T 559 95<\/a><\/h4>\n<div class=\"pt-cv-content\">T-559-95 11 Sentencia No. T-559\/95 CONSENTIMIENTO INFORMADO DEL PACIENTE Debe existir previo consentimiento del paciente para al tratamiento que se le se\u00f1ale. El Juez de tutela no puede suplir ese consentimiento, ni tomar partido a favor o en contra de una tesis m\u00e9dica, es el propio galeno quien, conjuntamente con el paciente, determinar\u00e1n el camino a tomar. No le corresponde al juez de tutela indicar que haya cambio de m\u00e9dico, salvo que el no cambio signifique vulneraci\u00f3n de un derecho fundamental. IMPUGNACION FALLO DE TUTELA-Efecto Lo que no puede es otorgar el recurso en el efecto suspensivo, porque la orden ...<br \/><div class=\"pt-cv-rmwrap\"><a href=\"https:\/\/www.dmsjuridica.com\/buscador_20179478954\/corteconstitucionalcronologico202454587\/t-559-95\/\" class=\"_self pt-cv-readmore btn btn-success\" target=\"_self\">Ver Sentencia Completa...<\/a><\/div><\/div><\/div><\/div>\n<div class=\"col-md-12 col-sm-12 col-xs-12 pt-cv-content-item pt-cv-1-col\" ><div class='pt-cv-ifield'><a href=\"https:\/\/www.dmsjuridica.com\/buscador_20179478954\/corteconstitucionalcronologico202454587\/t-558-95\/\" class=\"_self pt-cv-href-thumbnail pt-cv-thumb-default\" target=\"_self\" ><\/a>\n<div class=\"pt-cv-taxoterm above_title\"><a href='https:\/\/www.dmsjuridica.com\/buscador_20179478954\/corteconstitucionalcronologico202454587\/category\/buscar-en-toda-la-corte\/1995\/tutelas-1995\/' title='Tutelas 1995' class='pt-cv-tax-tutelas-1995'>Tutelas 1995<\/a><\/div>\n<h4 class=\"pt-cv-title\"><a href=\"https:\/\/www.dmsjuridica.com\/buscador_20179478954\/corteconstitucionalcronologico202454587\/t-558-95\/\" class=\"_self\" target=\"_self\" >T 558 95<\/a><\/h4>\n<div class=\"pt-cv-content\">T-558-95 Sentencia No. T-558\/95 DERECHO DE PETICION-Expedici\u00f3n de libreta militar Es obvio que constituye ejercicio del derecho de petici\u00f3n solicitar la entrega de libreta, entregando para el caso los recibos de pago correspondientes, teniendo derecho a obtenerla, y acudir al Distrito Militar para reclamarla. De manera que al demandante hay que concretarle con la entrega de la libreta la definici\u00f3n de su situaci\u00f3n militar, o justificarse razonablemente por escrito el motivo para no entregarla. Como \u00e9sto no ha ocurrido, no se ha resuelto el derecho de petici\u00f3n. DEMANDA DE TUTELA-Competencia para expedir libreta\/INSTITUCION MILITAR-Competencia para expedir libreta No se diluye ...<br \/><div class=\"pt-cv-rmwrap\"><a href=\"https:\/\/www.dmsjuridica.com\/buscador_20179478954\/corteconstitucionalcronologico202454587\/t-558-95\/\" class=\"_self pt-cv-readmore btn btn-success\" target=\"_self\">Ver Sentencia Completa...<\/a><\/div><\/div><\/div><\/div>\n<div class=\"col-md-12 col-sm-12 col-xs-12 pt-cv-content-item pt-cv-1-col\" ><div class='pt-cv-ifield'><a href=\"https:\/\/www.dmsjuridica.com\/buscador_20179478954\/corteconstitucionalcronologico202454587\/t-557-95\/\" class=\"_self pt-cv-href-thumbnail pt-cv-thumb-default\" target=\"_self\" ><\/a>\n<div class=\"pt-cv-taxoterm above_title\"><a href='https:\/\/www.dmsjuridica.com\/buscador_20179478954\/corteconstitucionalcronologico202454587\/category\/buscar-en-toda-la-corte\/1995\/tutelas-1995\/' title='Tutelas 1995' class='pt-cv-tax-tutelas-1995'>Tutelas 1995<\/a><\/div>\n<h4 class=\"pt-cv-title\"><a href=\"https:\/\/www.dmsjuridica.com\/buscador_20179478954\/corteconstitucionalcronologico202454587\/t-557-95\/\" class=\"_self\" target=\"_self\" >T 557 95<\/a><\/h4>\n<div class=\"pt-cv-content\">T-557-95 Sentencia No. T-557\/95 ACCION DE TUTELA TEMERARIA-Naturaleza Cuando el demandante directamente, o a trav\u00e9s de representante judicial presenta la misma acci\u00f3n de tutela sobre los mismos hechos ante el Juez respectivo en forma temeraria, quebranta los principios constitucionales \"a la buena fe, la econom\u00eda y la eficacia procesal, porque desconoce los criterios de probidad que exige un debate honorable, dilata maliciosamente la actuaci\u00f3n judicial e impide alcanzar los resultados que el Estado busca con la actuaci\u00f3n procesal\". ACCION DE TUTELA CONTRA PARTICULARES-violencia f\u00edsica a compa\u00f1era permanente\/INDEFENSION-violencia f\u00edsica a compa\u00f1era permanente Los hechos originarios de la acci\u00f3n de tutela, obedecen ...<br \/><div class=\"pt-cv-rmwrap\"><a href=\"https:\/\/www.dmsjuridica.com\/buscador_20179478954\/corteconstitucionalcronologico202454587\/t-557-95\/\" class=\"_self pt-cv-readmore btn btn-success\" target=\"_self\">Ver Sentencia Completa...<\/a><\/div><\/div><\/div><\/div>\n<div class=\"col-md-12 col-sm-12 col-xs-12 pt-cv-content-item pt-cv-1-col\" ><div class='pt-cv-ifield'><a href=\"https:\/\/www.dmsjuridica.com\/buscador_20179478954\/corteconstitucionalcronologico202454587\/t-556-95\/\" class=\"_self pt-cv-href-thumbnail pt-cv-thumb-default\" target=\"_self\" ><\/a>\n<div class=\"pt-cv-taxoterm above_title\"><a href='https:\/\/www.dmsjuridica.com\/buscador_20179478954\/corteconstitucionalcronologico202454587\/category\/buscar-en-toda-la-corte\/1995\/tutelas-1995\/' title='Tutelas 1995' class='pt-cv-tax-tutelas-1995'>Tutelas 1995<\/a><\/div>\n<h4 class=\"pt-cv-title\"><a href=\"https:\/\/www.dmsjuridica.com\/buscador_20179478954\/corteconstitucionalcronologico202454587\/t-556-95\/\" class=\"_self\" target=\"_self\" >T 556 95<\/a><\/h4>\n<div class=\"pt-cv-content\">T-556-95 Sentencia No. T-556\/95 JURAMENTO EN TUTELA-Requisitos La accionante no hizo la declaraci\u00f3n expresa de afirmar bajo juramento. A juicio de la Corporaci\u00f3n la decisi\u00f3n adoptada por el Juzgado resulta exagerada, ya que la accionante de manera expresa manifiesta no haber presentado otras acciones de tutela por el mismo caso ante ninguna autoridad competente, con lo cual se cumple satisfactoriamente el mandato del Decreto 2591, pues est\u00e1 haciendo una declaraci\u00f3n ante una autoridad judicial, que de no ser verdadera traer\u00e1 consigo las consecuencias jur\u00eddicas derivadas del falso testimonio. Lo que s\u00ed no obra en el expediente, es la advertencia a ...<br \/><div class=\"pt-cv-rmwrap\"><a href=\"https:\/\/www.dmsjuridica.com\/buscador_20179478954\/corteconstitucionalcronologico202454587\/t-556-95\/\" class=\"_self pt-cv-readmore btn btn-success\" target=\"_self\">Ver Sentencia Completa...<\/a><\/div><\/div><\/div><\/div>\n<div class=\"col-md-12 col-sm-12 col-xs-12 pt-cv-content-item pt-cv-1-col\" ><div class='pt-cv-ifield'><a href=\"https:\/\/www.dmsjuridica.com\/buscador_20179478954\/corteconstitucionalcronologico202454587\/t-555-95\/\" class=\"_self pt-cv-href-thumbnail pt-cv-thumb-default\" target=\"_self\" ><\/a>\n<div class=\"pt-cv-taxoterm above_title\"><a href='https:\/\/www.dmsjuridica.com\/buscador_20179478954\/corteconstitucionalcronologico202454587\/category\/buscar-en-toda-la-corte\/1995\/tutelas-1995\/' title='Tutelas 1995' class='pt-cv-tax-tutelas-1995'>Tutelas 1995<\/a><\/div>\n<h4 class=\"pt-cv-title\"><a href=\"https:\/\/www.dmsjuridica.com\/buscador_20179478954\/corteconstitucionalcronologico202454587\/t-555-95\/\" class=\"_self\" target=\"_self\" >T 555 95<\/a><\/h4>\n<div class=\"pt-cv-content\">T-555-95 Sentencia No. T-555\/95 DEMANDA DE TUTELA-Pr\u00e1ctica de pruebas La obtenci\u00f3n de los medios probatorios pertinentes se hace indispensable si estamos hablando de la acci\u00f3n de tutela, cuyo objetivo \u00fanico es el restablecimiento de los derechos fundamentales de quien los alega vulnerados o amenazados. No puede el juez, en aras del tr\u00e1mite sumario de esta acci\u00f3n, abstenerse de recaudar testimonios, solicitar informes, es decir, negarse a realizar todo lo necesario para demostrar, no s\u00f3lo la acci\u00f3n o la omisi\u00f3n anotadas en la petici\u00f3n, sino que de ellas se deriva la vulneraci\u00f3n alegada. Sin embargo, se deja abierta la posibilidad al ...<br \/><div class=\"pt-cv-rmwrap\"><a href=\"https:\/\/www.dmsjuridica.com\/buscador_20179478954\/corteconstitucionalcronologico202454587\/t-555-95\/\" class=\"_self pt-cv-readmore btn btn-success\" target=\"_self\">Ver Sentencia Completa...<\/a><\/div><\/div><\/div><\/div>\n<div class=\"col-md-12 col-sm-12 col-xs-12 pt-cv-content-item pt-cv-1-col\" ><div class='pt-cv-ifield'><a href=\"https:\/\/www.dmsjuridica.com\/buscador_20179478954\/corteconstitucionalcronologico202454587\/t-554-95\/\" class=\"_self pt-cv-href-thumbnail pt-cv-thumb-default\" target=\"_self\" ><\/a>\n<div class=\"pt-cv-taxoterm above_title\"><a href='https:\/\/www.dmsjuridica.com\/buscador_20179478954\/corteconstitucionalcronologico202454587\/category\/buscar-en-toda-la-corte\/1995\/tutelas-1995\/' title='Tutelas 1995' class='pt-cv-tax-tutelas-1995'>Tutelas 1995<\/a><\/div>\n<h4 class=\"pt-cv-title\"><a href=\"https:\/\/www.dmsjuridica.com\/buscador_20179478954\/corteconstitucionalcronologico202454587\/t-554-95\/\" class=\"_self\" target=\"_self\" >T 554 95<\/a><\/h4>\n<div class=\"pt-cv-content\">T-554-95 Sentencia No. T-554\/95 DERECHO AL TRABAJO-Naturaleza El trabajo debe ser reconocido como un atributo de la personalidad jur\u00eddica; un derecho inherente al ser humano, que lo dignifica en la medida en que a trav\u00e9s de \u00e9l la persona y la sociedad en la que ella se desenvuelve logran su perfeccionamiento. Sin el ejercicio de ese derecho el individuo no podr\u00eda existir dignamente, pues es con el trabajo que se proporciona los medios indispensables para su congrua subsistencia. Pero la mera consagraci\u00f3n normativa no es suficiente para que el ser humano obtenga las condiciones dignas de existencia que merece; es ...<br \/><div class=\"pt-cv-rmwrap\"><a href=\"https:\/\/www.dmsjuridica.com\/buscador_20179478954\/corteconstitucionalcronologico202454587\/t-554-95\/\" class=\"_self pt-cv-readmore btn btn-success\" target=\"_self\">Ver Sentencia Completa...<\/a><\/div><\/div><\/div><\/div>\n<div class=\"col-md-12 col-sm-12 col-xs-12 pt-cv-content-item pt-cv-1-col\" ><div class='pt-cv-ifield'><a href=\"https:\/\/www.dmsjuridica.com\/buscador_20179478954\/corteconstitucionalcronologico202454587\/t-553-95\/\" class=\"_self pt-cv-href-thumbnail pt-cv-thumb-default\" target=\"_self\" ><\/a>\n<div class=\"pt-cv-taxoterm above_title\"><a href='https:\/\/www.dmsjuridica.com\/buscador_20179478954\/corteconstitucionalcronologico202454587\/category\/buscar-en-toda-la-corte\/1995\/tutelas-1995\/' title='Tutelas 1995' class='pt-cv-tax-tutelas-1995'>Tutelas 1995<\/a><\/div>\n<h4 class=\"pt-cv-title\"><a href=\"https:\/\/www.dmsjuridica.com\/buscador_20179478954\/corteconstitucionalcronologico202454587\/t-553-95\/\" class=\"_self\" target=\"_self\" >T 553 95<\/a><\/h4>\n<div class=\"pt-cv-content\">T-553-95 Sentencia No. T-553\/95 CUMPLIMIENTO DE PROVIDENCIAS JUDICIALES-Observancia La vigencia de un orden justo no pasar\u00eda de ser una mera consagraci\u00f3n te\u00f3rica plasmada en el pre\u00e1mbulo del Estatuto Superior, si las autoridades p\u00fablicas y privadas, no estuvieran obligadas a cumplir \u00edntegramente las providencias judiciales ejecutoriadas. Acatamiento que debe efectuarse de buena fe, lo que implica que el condenado debe respetar \u00edntegramente el contenido de la sentencia, sin entrar a analizar la oportunidad, la conveniencia, o los intereses de la autoridad vencida dentro del proceso, a fin de modificarlo. La observancia de las providencias ejecutoriadas, adem\u00e1s de ser uno de los ...<br \/><div class=\"pt-cv-rmwrap\"><a href=\"https:\/\/www.dmsjuridica.com\/buscador_20179478954\/corteconstitucionalcronologico202454587\/t-553-95\/\" class=\"_self pt-cv-readmore btn btn-success\" target=\"_self\">Ver Sentencia Completa...<\/a><\/div><\/div><\/div><\/div>\n<div class=\"col-md-12 col-sm-12 col-xs-12 pt-cv-content-item pt-cv-1-col\" ><div class='pt-cv-ifield'><a href=\"https:\/\/www.dmsjuridica.com\/buscador_20179478954\/corteconstitucionalcronologico202454587\/t-552-95\/\" class=\"_self pt-cv-href-thumbnail pt-cv-thumb-default\" target=\"_self\" ><\/a>\n<div class=\"pt-cv-taxoterm above_title\"><a href='https:\/\/www.dmsjuridica.com\/buscador_20179478954\/corteconstitucionalcronologico202454587\/category\/buscar-en-toda-la-corte\/1995\/tutelas-1995\/' title='Tutelas 1995' class='pt-cv-tax-tutelas-1995'>Tutelas 1995<\/a><\/div>\n<h4 class=\"pt-cv-title\"><a href=\"https:\/\/www.dmsjuridica.com\/buscador_20179478954\/corteconstitucionalcronologico202454587\/t-552-95\/\" class=\"_self\" target=\"_self\" >T 552 95<\/a><\/h4>\n<div class=\"pt-cv-content\">T-552-95 DERECHO A LA INFORMACION-Campo de acci\u00f3n\/DERECHO DE DOBLE VIA-Informar y ser informado El derecho a la informaci\u00f3n no solamente cobija a los particulares y en especial a los medios de comunicaci\u00f3n y a los periodistas, sino que, como derecho constitucional fundamental, tambi\u00e9n cubre a las institucionales p\u00fablicas y privadas. Debe recordarse que se trata de un derecho de doble v\u00eda, en cuanto, como lo ha venido expresando la Corte, \"no est\u00e1 contemplado ni en nuestra Constituci\u00f3n ni en ordenamiento ni declaraci\u00f3n alguna como la sola posibilidad de emitir informaciones, sino que se extiende necesariamente al receptor de las informaciones ...<br \/><div class=\"pt-cv-rmwrap\"><a href=\"https:\/\/www.dmsjuridica.com\/buscador_20179478954\/corteconstitucionalcronologico202454587\/t-552-95\/\" class=\"_self pt-cv-readmore btn btn-success\" target=\"_self\">Ver Sentencia Completa...<\/a><\/div><\/div><\/div><\/div>\n<div class=\"col-md-12 col-sm-12 col-xs-12 pt-cv-content-item pt-cv-1-col\" ><div class='pt-cv-ifield'><a href=\"https:\/\/www.dmsjuridica.com\/buscador_20179478954\/corteconstitucionalcronologico202454587\/t-551-95\/\" class=\"_self pt-cv-href-thumbnail pt-cv-thumb-default\" target=\"_self\" ><\/a>\n<div class=\"pt-cv-taxoterm above_title\"><a href='https:\/\/www.dmsjuridica.com\/buscador_20179478954\/corteconstitucionalcronologico202454587\/category\/buscar-en-toda-la-corte\/1995\/tutelas-1995\/' title='Tutelas 1995' class='pt-cv-tax-tutelas-1995'>Tutelas 1995<\/a><\/div>\n<h4 class=\"pt-cv-title\"><a href=\"https:\/\/www.dmsjuridica.com\/buscador_20179478954\/corteconstitucionalcronologico202454587\/t-551-95\/\" class=\"_self\" target=\"_self\" >T 551 95<\/a><\/h4>\n<div class=\"pt-cv-content\">T-551-95 Sentencia No. T-551\/95 DEBIDO PROCESO-Expulsi\u00f3n de estudiante\/DERECHO DE DEFENSA-No tr\u00e1mite de recurso a estudiante El Consejo Acad\u00e9mico, a pesar de que suaviz\u00f3 la sanci\u00f3n recurrida, no puso el recurso de apelaci\u00f3n en conocimiento de su superior jer\u00e1rquico, es decir, el Consejo Directivo, \u00f3rgano llamado a resolver de la apelaci\u00f3n seg\u00fan el reglamento universitario. En consecuencia, la sanci\u00f3n disciplinaria contra el actor vino a tener aplicaci\u00f3n sin la obligatoria tramitaci\u00f3n de la alzada, lo cual supone una violaci\u00f3n del derecho fundamental al debido proceso. Naturalmente, la pena as\u00ed infligida, adem\u00e1s de incumplir el reglamento, implica una inaceptable disminuci\u00f3n del derecho ...<br \/><div class=\"pt-cv-rmwrap\"><a href=\"https:\/\/www.dmsjuridica.com\/buscador_20179478954\/corteconstitucionalcronologico202454587\/t-551-95\/\" class=\"_self pt-cv-readmore btn btn-success\" target=\"_self\">Ver Sentencia Completa...<\/a><\/div><\/div><\/div><\/div>\n<div class=\"col-md-12 col-sm-12 col-xs-12 pt-cv-content-item pt-cv-1-col\" ><div class='pt-cv-ifield'><a href=\"https:\/\/www.dmsjuridica.com\/buscador_20179478954\/corteconstitucionalcronologico202454587\/t-550-95\/\" class=\"_self pt-cv-href-thumbnail pt-cv-thumb-default\" target=\"_self\" ><\/a>\n<div class=\"pt-cv-taxoterm above_title\"><a href='https:\/\/www.dmsjuridica.com\/buscador_20179478954\/corteconstitucionalcronologico202454587\/category\/buscar-en-toda-la-corte\/1995\/tutelas-1995\/' title='Tutelas 1995' class='pt-cv-tax-tutelas-1995'>Tutelas 1995<\/a><\/div>\n<h4 class=\"pt-cv-title\"><a href=\"https:\/\/www.dmsjuridica.com\/buscador_20179478954\/corteconstitucionalcronologico202454587\/t-550-95\/\" class=\"_self\" target=\"_self\" >T 550 95<\/a><\/h4>\n<div class=\"pt-cv-content\">T-550-95 Sentencia No. T-550\/95 DEMANDA DE TUTELA-Terminaci\u00f3n por fallecimiento del demandante\/INTERRUPCION DEL PROCESO-Improcedencia\/SUCESION PROCESAL-Improcedencia en tutela Como el demandante falleci\u00f3 en el transcurso de la revisi\u00f3n constitucional de esta tutela, esta demanda pierde toda eficacia jur\u00eddica porque no existe derecho fundamental alguno que proteger. No puede, como solicita la c\u00f3nyuge del causante, pretender la continuaci\u00f3n de la demanda de tutela, por cuanto los derechos fundamentales que se adujeron por el actor como el de la vida, la salud, dignidad humana, igualdad y seguridad social; al fallecer, desaparecieron y, por ende, la tutela no puede continuar, terminando el presente asunto. En ...<br \/><div class=\"pt-cv-rmwrap\"><a href=\"https:\/\/www.dmsjuridica.com\/buscador_20179478954\/corteconstitucionalcronologico202454587\/t-550-95\/\" class=\"_self pt-cv-readmore btn btn-success\" target=\"_self\">Ver Sentencia Completa...<\/a><\/div><\/div><\/div><\/div>\n<div class=\"col-md-12 col-sm-12 col-xs-12 pt-cv-content-item pt-cv-1-col\" ><div class='pt-cv-ifield'><a href=\"https:\/\/www.dmsjuridica.com\/buscador_20179478954\/corteconstitucionalcronologico202454587\/t-549-95\/\" class=\"_self pt-cv-href-thumbnail pt-cv-thumb-default\" target=\"_self\" ><\/a>\n<div class=\"pt-cv-taxoterm above_title\"><a href='https:\/\/www.dmsjuridica.com\/buscador_20179478954\/corteconstitucionalcronologico202454587\/category\/buscar-en-toda-la-corte\/1995\/tutelas-1995\/' title='Tutelas 1995' class='pt-cv-tax-tutelas-1995'>Tutelas 1995<\/a><\/div>\n<h4 class=\"pt-cv-title\"><a href=\"https:\/\/www.dmsjuridica.com\/buscador_20179478954\/corteconstitucionalcronologico202454587\/t-549-95\/\" class=\"_self\" target=\"_self\" >T 549 95<\/a><\/h4>\n<div class=\"pt-cv-content\">T-549-95 Sentencia No. T-549\/95 CONFLICTO LABORAL-Improcedencia de tutela La petici\u00f3n de los demandantes est\u00e1 destinada al fracaso por las siguientes razones: No figura en el expediente ninguna prueba que indique que la discriminaci\u00f3n alegada efectivamente se dio; como la renuncia a los beneficios del pacto colectivo fue libre y voluntaria, sus consecuencias, si es del caso, deben ventilarse ante la justicia ordinaria laboral; no puede decirse que en el presente caso existe un sindicato perseguido. Ref.: Expediente T-67131. Actores: Nicol\u00e1s Ahumada Niebles y otros. Procedencia: Tribunal Superior del Distrito Judicial de Barranquilla, Sala de Decisi\u00f3n Laboral. Magistrado Ponente: Dr. JORGE ...<br \/><div class=\"pt-cv-rmwrap\"><a href=\"https:\/\/www.dmsjuridica.com\/buscador_20179478954\/corteconstitucionalcronologico202454587\/t-549-95\/\" class=\"_self pt-cv-readmore btn btn-success\" target=\"_self\">Ver Sentencia Completa...<\/a><\/div><\/div><\/div><\/div>\n<div class=\"col-md-12 col-sm-12 col-xs-12 pt-cv-content-item pt-cv-1-col\" ><div class='pt-cv-ifield'><a href=\"https:\/\/www.dmsjuridica.com\/buscador_20179478954\/corteconstitucionalcronologico202454587\/t-548-95\/\" class=\"_self pt-cv-href-thumbnail pt-cv-thumb-default\" target=\"_self\" ><\/a>\n<div class=\"pt-cv-taxoterm above_title\"><a href='https:\/\/www.dmsjuridica.com\/buscador_20179478954\/corteconstitucionalcronologico202454587\/category\/buscar-en-toda-la-corte\/1995\/tutelas-1995\/' title='Tutelas 1995' class='pt-cv-tax-tutelas-1995'>Tutelas 1995<\/a><\/div>\n<h4 class=\"pt-cv-title\"><a href=\"https:\/\/www.dmsjuridica.com\/buscador_20179478954\/corteconstitucionalcronologico202454587\/t-548-95\/\" class=\"_self\" target=\"_self\" >T 548 95<\/a><\/h4>\n<div class=\"pt-cv-content\">T-548-95 Sentencia No. T-548\/95 ACCION DE TUTELA CONTRA PROVIDENCIAS JUDICIALES-Alcance del fallo La procedencia, excepcional, de la acci\u00f3n de tutela contra providencias judiciales, por ning\u00fan motivo puede convertirse en una justificaci\u00f3n para que el juez encargado de ordenar la protecci\u00f3n de los derechos fundamentales entre a resolver la cuesti\u00f3n litigiosa debatida dentro del proceso. Es decir, su labor se limita exclusivamente a estudiar la conducta desplegada por el funcionario demandado, la cual se refleja a trav\u00e9s de la providencia atacada, y solamente si esa conducta reviste el car\u00e1cter de abusiva, caprichosa o arbitraria, de forma tal que amenace o que ...<br \/><div class=\"pt-cv-rmwrap\"><a href=\"https:\/\/www.dmsjuridica.com\/buscador_20179478954\/corteconstitucionalcronologico202454587\/t-548-95\/\" class=\"_self pt-cv-readmore btn btn-success\" target=\"_self\">Ver Sentencia Completa...<\/a><\/div><\/div><\/div><\/div>\n<div class=\"col-md-12 col-sm-12 col-xs-12 pt-cv-content-item pt-cv-1-col\" ><div class='pt-cv-ifield'><a href=\"https:\/\/www.dmsjuridica.com\/buscador_20179478954\/corteconstitucionalcronologico202454587\/t-547-95\/\" class=\"_self pt-cv-href-thumbnail pt-cv-thumb-default\" target=\"_self\" ><\/a>\n<div class=\"pt-cv-taxoterm above_title\"><a href='https:\/\/www.dmsjuridica.com\/buscador_20179478954\/corteconstitucionalcronologico202454587\/category\/buscar-en-toda-la-corte\/1995\/tutelas-1995\/' title='Tutelas 1995' class='pt-cv-tax-tutelas-1995'>Tutelas 1995<\/a><\/div>\n<h4 class=\"pt-cv-title\"><a href=\"https:\/\/www.dmsjuridica.com\/buscador_20179478954\/corteconstitucionalcronologico202454587\/t-547-95\/\" class=\"_self\" target=\"_self\" >T 547 95<\/a><\/h4>\n<div class=\"pt-cv-content\">T-547-95 Sentencia No. T-547\/95 ACCION DE TUTELA-Improcedencia frente a derechos e intereses colectivos\/ACCION POPULAR-Terreno abandonado\/DERECHO A LA SEGURIDAD PUBLICA-Terreno abandonado\/DERECHO A LA SALUBRIDAD PUBLICA-Terreno abandonado La acci\u00f3n de tutela se dirige contra la propietaria de un lote de considerable extensi\u00f3n, en raz\u00f3n de la situaci\u00f3n de abandono y descuido que se observa respecto del anotado terreno, que ha terminado por convertirlo en foco de infecciones y de inseguridad. Las pruebas practicadas traslucen la afectaci\u00f3n de derechos e intereses colectivos, vinculados con la seguridad y la salubridad, bienes que, como es sabido, se protegen, principalmente, a trav\u00e9s de las acciones populares ...<br \/><div class=\"pt-cv-rmwrap\"><a href=\"https:\/\/www.dmsjuridica.com\/buscador_20179478954\/corteconstitucionalcronologico202454587\/t-547-95\/\" class=\"_self pt-cv-readmore btn btn-success\" target=\"_self\">Ver Sentencia Completa...<\/a><\/div><\/div><\/div><\/div>\n<div class=\"col-md-12 col-sm-12 col-xs-12 pt-cv-content-item pt-cv-1-col\" ><div class='pt-cv-ifield'><a href=\"https:\/\/www.dmsjuridica.com\/buscador_20179478954\/corteconstitucionalcronologico202454587\/t-546-95\/\" class=\"_self pt-cv-href-thumbnail pt-cv-thumb-default\" target=\"_self\" ><\/a>\n<div class=\"pt-cv-taxoterm above_title\"><a href='https:\/\/www.dmsjuridica.com\/buscador_20179478954\/corteconstitucionalcronologico202454587\/category\/buscar-en-toda-la-corte\/1995\/tutelas-1995\/' title='Tutelas 1995' class='pt-cv-tax-tutelas-1995'>Tutelas 1995<\/a><\/div>\n<h4 class=\"pt-cv-title\"><a href=\"https:\/\/www.dmsjuridica.com\/buscador_20179478954\/corteconstitucionalcronologico202454587\/t-546-95\/\" class=\"_self\" target=\"_self\" >T 546 95<\/a><\/h4>\n<div class=\"pt-cv-content\">T-546-95 Sentencia No. T-546\/95 ACTIVIDAD PROCESAL-T\u00e9rminos La actividad procesal est\u00e1 planeada para cumplirse en momentos determinados y preclusivos con el fin de asegurar su continuidad ordenada, al punto que un acto no resulta posible si no se ha superado la oportunidad en que debe ejecutarse otro anterior, y as\u00ed sucesivamente, pero una vez clausurada cada etapa se sigue inexorablemente la siguiente, aunque se hayan omitido las actividades se\u00f1aladas para esa ocasi\u00f3n. Desde este punto de vista, el proceso es un sistema de ordenaci\u00f3n del tiempo dentro del cual los diferentes sujetos procesales deben cumplir las actividades requeridas por la ley, ...<br \/><div class=\"pt-cv-rmwrap\"><a href=\"https:\/\/www.dmsjuridica.com\/buscador_20179478954\/corteconstitucionalcronologico202454587\/t-546-95\/\" class=\"_self pt-cv-readmore btn btn-success\" target=\"_self\">Ver Sentencia Completa...<\/a><\/div><\/div><\/div><\/div>\n<div class=\"col-md-12 col-sm-12 col-xs-12 pt-cv-content-item pt-cv-1-col\" ><div class='pt-cv-ifield'><a href=\"https:\/\/www.dmsjuridica.com\/buscador_20179478954\/corteconstitucionalcronologico202454587\/t-545-95\/\" class=\"_self pt-cv-href-thumbnail pt-cv-thumb-default\" target=\"_self\" ><\/a>\n<div class=\"pt-cv-taxoterm above_title\"><a href='https:\/\/www.dmsjuridica.com\/buscador_20179478954\/corteconstitucionalcronologico202454587\/category\/buscar-en-toda-la-corte\/1995\/tutelas-1995\/' title='Tutelas 1995' class='pt-cv-tax-tutelas-1995'>Tutelas 1995<\/a><\/div>\n<h4 class=\"pt-cv-title\"><a href=\"https:\/\/www.dmsjuridica.com\/buscador_20179478954\/corteconstitucionalcronologico202454587\/t-545-95\/\" class=\"_self\" target=\"_self\" >T 545 95<\/a><\/h4>\n<div class=\"pt-cv-content\">T-545-95 Sentencia No. T-545\/95 ACTO ADMINISTRATIVO COMPLEJO-Expedici\u00f3n licencia de urbanizaci\u00f3n La expedici\u00f3n de una licencia de urbanismo, implica el desarrollo de un procedimiento administrativo, que por sus caracter\u00edsticas y objetivos conduce a lo que la jurisprudencia y la doctrina han denominado un acto administrativo complejo. La expedici\u00f3n de una licencia, implica el previo desarrollo de un proceso en el cual participan diferentes \u00f3rganos de la administraci\u00f3n distrital, cada uno de los cuales, en el \u00e1mbito de sus propias competencias y de acuerdo con la funci\u00f3n especializada que tiene a su cargo, define aspectos que ser\u00e1n fundamentales para garantizarle a la ...<br \/><div class=\"pt-cv-rmwrap\"><a href=\"https:\/\/www.dmsjuridica.com\/buscador_20179478954\/corteconstitucionalcronologico202454587\/t-545-95\/\" class=\"_self pt-cv-readmore btn btn-success\" target=\"_self\">Ver Sentencia Completa...<\/a><\/div><\/div><\/div><\/div>\n<div class=\"col-md-12 col-sm-12 col-xs-12 pt-cv-content-item pt-cv-1-col\" ><div class='pt-cv-ifield'><a href=\"https:\/\/www.dmsjuridica.com\/buscador_20179478954\/corteconstitucionalcronologico202454587\/t-544-95\/\" class=\"_self pt-cv-href-thumbnail pt-cv-thumb-default\" target=\"_self\" ><\/a>\n<div class=\"pt-cv-taxoterm above_title\"><a href='https:\/\/www.dmsjuridica.com\/buscador_20179478954\/corteconstitucionalcronologico202454587\/category\/buscar-en-toda-la-corte\/1995\/tutelas-1995\/' title='Tutelas 1995' class='pt-cv-tax-tutelas-1995'>Tutelas 1995<\/a><\/div>\n<h4 class=\"pt-cv-title\"><a href=\"https:\/\/www.dmsjuridica.com\/buscador_20179478954\/corteconstitucionalcronologico202454587\/t-544-95\/\" class=\"_self\" target=\"_self\" >T 544 95<\/a><\/h4>\n<div class=\"pt-cv-content\">T-544-95 Sentencia No. T-544\/95 MEDIO DE DEFENSA JUDICIAL-Club social En torno a las diferencias surgidas entre los clubes sociales y sus socios, ha sostenido la Corte que, a falta de la posibilidad de arreglo seg\u00fan las normas internas de la instituci\u00f3n, no es la tutela el mecanismo adecuado para buscar protecci\u00f3n, puesto que existen medios de defensa ante la jurisdicci\u00f3n ordinaria. ACCION DE TUTELA CONTRA PARTICULARES-Improcedencia respecto de club social Los clubes sociales y sus \u00f3rganos no est\u00e1n encargados, por regla general, de la prestaci\u00f3n de un servicio p\u00fablico y siendo muy dif\u00edcil, si bien no imposible, que asuman conductas ...<br \/><div class=\"pt-cv-rmwrap\"><a href=\"https:\/\/www.dmsjuridica.com\/buscador_20179478954\/corteconstitucionalcronologico202454587\/t-544-95\/\" class=\"_self pt-cv-readmore btn btn-success\" target=\"_self\">Ver Sentencia Completa...<\/a><\/div><\/div><\/div><\/div>\n<div class=\"col-md-12 col-sm-12 col-xs-12 pt-cv-content-item pt-cv-1-col\" ><div class='pt-cv-ifield'><a href=\"https:\/\/www.dmsjuridica.com\/buscador_20179478954\/corteconstitucionalcronologico202454587\/t-543-95\/\" class=\"_self pt-cv-href-thumbnail pt-cv-thumb-default\" target=\"_self\" ><\/a>\n<div class=\"pt-cv-taxoterm above_title\"><a href='https:\/\/www.dmsjuridica.com\/buscador_20179478954\/corteconstitucionalcronologico202454587\/category\/buscar-en-toda-la-corte\/1995\/tutelas-1995\/' title='Tutelas 1995' class='pt-cv-tax-tutelas-1995'>Tutelas 1995<\/a><\/div>\n<h4 class=\"pt-cv-title\"><a href=\"https:\/\/www.dmsjuridica.com\/buscador_20179478954\/corteconstitucionalcronologico202454587\/t-543-95\/\" class=\"_self\" target=\"_self\" >T 543 95<\/a><\/h4>\n<div class=\"pt-cv-content\">T-543-95 Sentencia No. T-543\/95 DERECHO DE ACCESO A LA ADMINISTRACION DE JUSTICIA-Improcedencia de la denegaci\u00f3n de la acci\u00f3n de tutela\/ACCION DE TUTELA-Improcedencia de la denegaci\u00f3n El acudir a la acci\u00f3n de tutela es, en s\u00ed mismo, un derecho fundamental cuyo ejercicio no puede ser negado a persona alguna, entre otras razones por la muy poderosa de que al hacerlo se obstruir\u00eda el acceso del individuo a la administraci\u00f3n de justicia, que es igualmente un derecho fundamental, m\u00e1xime si la obstrucci\u00f3n afecta la posibilidad de la defensa de otros derechos fundamentales. La negativa de la acci\u00f3n representar\u00eda nada menos que la ...<br \/><div class=\"pt-cv-rmwrap\"><a href=\"https:\/\/www.dmsjuridica.com\/buscador_20179478954\/corteconstitucionalcronologico202454587\/t-543-95\/\" class=\"_self pt-cv-readmore btn btn-success\" target=\"_self\">Ver Sentencia Completa...<\/a><\/div><\/div><\/div><\/div>\n<div class=\"col-md-12 col-sm-12 col-xs-12 pt-cv-content-item pt-cv-1-col\" ><div class='pt-cv-ifield'><a href=\"https:\/\/www.dmsjuridica.com\/buscador_20179478954\/corteconstitucionalcronologico202454587\/t-533-95\/\" class=\"_self pt-cv-href-thumbnail pt-cv-thumb-default\" target=\"_self\" ><\/a>\n<div class=\"pt-cv-taxoterm above_title\"><a href='https:\/\/www.dmsjuridica.com\/buscador_20179478954\/corteconstitucionalcronologico202454587\/category\/buscar-en-toda-la-corte\/1995\/tutelas-1995\/' title='Tutelas 1995' class='pt-cv-tax-tutelas-1995'>Tutelas 1995<\/a><\/div>\n<h4 class=\"pt-cv-title\"><a href=\"https:\/\/www.dmsjuridica.com\/buscador_20179478954\/corteconstitucionalcronologico202454587\/t-533-95\/\" class=\"_self\" target=\"_self\" >T 533 95<\/a><\/h4>\n<div class=\"pt-cv-content\">T-533-95 Sentencia No. T-533\/95 ACCION DE TUTELA-Improcedencia La acci\u00f3n de tutela tiene el car\u00e1cter de subsidiaria, es decir, no constituye una demanda alternativa, sustitutiva, paralela, complementaria o adicional a los procesos que consagra nuestro r\u00e9gimen jur\u00eddico. En consecuencia, es un instrumento excepcional. No ha sido creada para revivir t\u00e9rminos o subsanar errores procesales de las partes, por cuanto su objetivo es brindar el ejercicio y defensa de los derechos constitucionales fundamentales. Por regla general, deben dirimirse, a trav\u00e9s de la justicia ordinaria o especial que se\u00f1ale la ley, las controversias que surjan sobre reconocimiento de derechos y aplicaci\u00f3n de normas, ...<br \/><div class=\"pt-cv-rmwrap\"><a href=\"https:\/\/www.dmsjuridica.com\/buscador_20179478954\/corteconstitucionalcronologico202454587\/t-533-95\/\" class=\"_self pt-cv-readmore btn btn-success\" target=\"_self\">Ver Sentencia Completa...<\/a><\/div><\/div><\/div><\/div>\n<div class=\"col-md-12 col-sm-12 col-xs-12 pt-cv-content-item pt-cv-1-col\" ><div class='pt-cv-ifield'><a href=\"https:\/\/www.dmsjuridica.com\/buscador_20179478954\/corteconstitucionalcronologico202454587\/t-532-95\/\" class=\"_self pt-cv-href-thumbnail pt-cv-thumb-default\" target=\"_self\" ><\/a>\n<div class=\"pt-cv-taxoterm above_title\"><a href='https:\/\/www.dmsjuridica.com\/buscador_20179478954\/corteconstitucionalcronologico202454587\/category\/buscar-en-toda-la-corte\/1995\/tutelas-1995\/' title='Tutelas 1995' class='pt-cv-tax-tutelas-1995'>Tutelas 1995<\/a><\/div>\n<h4 class=\"pt-cv-title\"><a href=\"https:\/\/www.dmsjuridica.com\/buscador_20179478954\/corteconstitucionalcronologico202454587\/t-532-95\/\" class=\"_self\" target=\"_self\" >T 532 95<\/a><\/h4>\n<div class=\"pt-cv-content\">T-532-95 Sentencia T-532\/95 FISCALIA GENERAL DE LA NACION-Autonom\u00eda de decisiones\/COLABORACION CON LA ADMINISTRACION DE JUSTICIA La Fiscal\u00eda goza de autonom\u00eda en la evaluaci\u00f3n sobre la idoneidad y eficiencia de la colaboraci\u00f3n prestada y tambi\u00e9n respecto del tipo de beneficios que se pueden conceder y en torno a la protecci\u00f3n que merecen los testigos, v\u00edctimas e intervinientes dentro del proceso penal y los propios funcionarios judiciales. Siendo la Fiscal\u00eda un organismo integrante de la Rama Judicial del poder p\u00fablico, a ella es aplicable el car\u00e1cter independiente de sus decisiones reconocido por la Carta Pol\u00edtica, por lo cual, en principio, no se ...<br \/><div class=\"pt-cv-rmwrap\"><a href=\"https:\/\/www.dmsjuridica.com\/buscador_20179478954\/corteconstitucionalcronologico202454587\/t-532-95\/\" class=\"_self pt-cv-readmore btn btn-success\" target=\"_self\">Ver Sentencia Completa...<\/a><\/div><\/div><\/div><\/div>\n<div class=\"col-md-12 col-sm-12 col-xs-12 pt-cv-content-item pt-cv-1-col\" ><div class='pt-cv-ifield'><a href=\"https:\/\/www.dmsjuridica.com\/buscador_20179478954\/corteconstitucionalcronologico202454587\/t-530-95\/\" class=\"_self pt-cv-href-thumbnail pt-cv-thumb-default\" target=\"_self\" ><\/a>\n<div class=\"pt-cv-taxoterm above_title\"><a href='https:\/\/www.dmsjuridica.com\/buscador_20179478954\/corteconstitucionalcronologico202454587\/category\/buscar-en-toda-la-corte\/1995\/tutelas-1995\/' title='Tutelas 1995' class='pt-cv-tax-tutelas-1995'>Tutelas 1995<\/a><\/div>\n<h4 class=\"pt-cv-title\"><a href=\"https:\/\/www.dmsjuridica.com\/buscador_20179478954\/corteconstitucionalcronologico202454587\/t-530-95\/\" class=\"_self\" target=\"_self\" >T 530 95<\/a><\/h4>\n<div class=\"pt-cv-content\">T-530-95 Sentencia No. T-530\/95 El juicio ejecutivo laboral es el mecanismo id\u00f3neo para hacer efectivos los cr\u00e9ditos laborales, salvo en aquellos casos en los cuales se encuentre comprometido el m\u00ednimo vital del actor. En estas circunstancias, el medio judicial citado se torna insuficiente como instrumento eficaz de garant\u00eda de los derechos fundamentales de la persona y, en consecuencia, procede la acci\u00f3n de tutela. PRINCIPIO DE IGUALDAD-Naturaleza\/TRATAMIENTO DIFERENCIADO-Justificaci\u00f3n objetiva y razonable El principio de igualdad, no significa que todas las personas deban recibir tratamiento id\u00e9ntico o no diferenciado. La diferencia de trato entre personas que se encuentran en igualdad de condiciones, ...<br \/><div class=\"pt-cv-rmwrap\"><a href=\"https:\/\/www.dmsjuridica.com\/buscador_20179478954\/corteconstitucionalcronologico202454587\/t-530-95\/\" class=\"_self pt-cv-readmore btn btn-success\" target=\"_self\">Ver Sentencia Completa...<\/a><\/div><\/div><\/div><\/div>\n<div class=\"col-md-12 col-sm-12 col-xs-12 pt-cv-content-item pt-cv-1-col\" ><div class='pt-cv-ifield'><a href=\"https:\/\/www.dmsjuridica.com\/buscador_20179478954\/corteconstitucionalcronologico202454587\/t-529-95\/\" class=\"_self pt-cv-href-thumbnail pt-cv-thumb-default\" target=\"_self\" ><\/a>\n<div class=\"pt-cv-taxoterm above_title\"><a href='https:\/\/www.dmsjuridica.com\/buscador_20179478954\/corteconstitucionalcronologico202454587\/category\/buscar-en-toda-la-corte\/1995\/tutelas-1995\/' title='Tutelas 1995' class='pt-cv-tax-tutelas-1995'>Tutelas 1995<\/a><\/div>\n<h4 class=\"pt-cv-title\"><a href=\"https:\/\/www.dmsjuridica.com\/buscador_20179478954\/corteconstitucionalcronologico202454587\/t-529-95\/\" class=\"_self\" target=\"_self\" >T 529 95<\/a><\/h4>\n<div class=\"pt-cv-content\">T-529-95 Sentencia No. T-529\/95 ACCION DE TUTELA CONTRA PARTICULARES-Prestaci\u00f3n de servicio p\u00fablico de salud\/DERECHO DE PETICION-Procedencia frente a particulares El Consorcio en Salud es una entidad privada que presta el servicio p\u00fablico de salud; por tal raz\u00f3n y de acuerdo con los planteamientos precedentes, se encuentra en condiciones de conculcar cualquier derecho fundamental. En el caso del derecho de petici\u00f3n, pese a que el art\u00edculo 23 de la Constituci\u00f3n Pol\u00edtica defiere a la ley la reglamentaci\u00f3n de su ejercicio ante organizaciones privadas, la Corte ha estimado que la pretensi\u00f3n de recibir respuesta de un particular encargado de un servicio p\u00fablico ...<br \/><div class=\"pt-cv-rmwrap\"><a href=\"https:\/\/www.dmsjuridica.com\/buscador_20179478954\/corteconstitucionalcronologico202454587\/t-529-95\/\" class=\"_self pt-cv-readmore btn btn-success\" target=\"_self\">Ver Sentencia Completa...<\/a><\/div><\/div><\/div><\/div>\n<div class=\"col-md-12 col-sm-12 col-xs-12 pt-cv-content-item pt-cv-1-col\" ><div class='pt-cv-ifield'><a href=\"https:\/\/www.dmsjuridica.com\/buscador_20179478954\/corteconstitucionalcronologico202454587\/t-528-95\/\" class=\"_self pt-cv-href-thumbnail pt-cv-thumb-default\" target=\"_self\" ><\/a>\n<div class=\"pt-cv-taxoterm above_title\"><a href='https:\/\/www.dmsjuridica.com\/buscador_20179478954\/corteconstitucionalcronologico202454587\/category\/buscar-en-toda-la-corte\/1995\/tutelas-1995\/' title='Tutelas 1995' class='pt-cv-tax-tutelas-1995'>Tutelas 1995<\/a><\/div>\n<h4 class=\"pt-cv-title\"><a href=\"https:\/\/www.dmsjuridica.com\/buscador_20179478954\/corteconstitucionalcronologico202454587\/t-528-95\/\" class=\"_self\" target=\"_self\" >T 528 95<\/a><\/h4>\n<div class=\"pt-cv-content\">T-528-95 Sentencia No. T-528\/95 PENSION SUSTITUTIVA-Pago\/DERECHO A LA VIDA-Pago de mesadas pensionales\/MESADA PENSIONAL-Pago oportuno\/DERECHO A LA SEGURIDAD SOCIAL-Pago oportuno de mesadas pensionales\/DERECHO A LA IGUALDAD-Pago de pensi\u00f3n La peticionaria tiene un derecho reconocido, correspondiente a la pensi\u00f3n sustitutiva de jubilaci\u00f3n de quien en vida fuere su esposo. Adicionalmente, su estado avanzado de edad, la coloca en circunstancia de debilidad manifiesta, a lo cual se suma el hecho que, someter a la petente a dilatados tr\u00e1mites de procesos ejecutivos laborales, implicar\u00eda la prolongaci\u00f3n de sus circunstancias desfavorables y la obstaculizaci\u00f3n al pleno y cabal disfrute de sus derechos adquiridos a gozar ...<br \/><div class=\"pt-cv-rmwrap\"><a href=\"https:\/\/www.dmsjuridica.com\/buscador_20179478954\/corteconstitucionalcronologico202454587\/t-528-95\/\" class=\"_self pt-cv-readmore btn btn-success\" target=\"_self\">Ver Sentencia Completa...<\/a><\/div><\/div><\/div><\/div>\n<div class=\"col-md-12 col-sm-12 col-xs-12 pt-cv-content-item pt-cv-1-col\" ><div class='pt-cv-ifield'><a href=\"https:\/\/www.dmsjuridica.com\/buscador_20179478954\/corteconstitucionalcronologico202454587\/t-527-95\/\" class=\"_self pt-cv-href-thumbnail pt-cv-thumb-default\" target=\"_self\" ><\/a>\n<div class=\"pt-cv-taxoterm above_title\"><a href='https:\/\/www.dmsjuridica.com\/buscador_20179478954\/corteconstitucionalcronologico202454587\/category\/buscar-en-toda-la-corte\/1995\/tutelas-1995\/' title='Tutelas 1995' class='pt-cv-tax-tutelas-1995'>Tutelas 1995<\/a><\/div>\n<h4 class=\"pt-cv-title\"><a href=\"https:\/\/www.dmsjuridica.com\/buscador_20179478954\/corteconstitucionalcronologico202454587\/t-527-95\/\" class=\"_self\" target=\"_self\" >T 527 95<\/a><\/h4>\n<div class=\"pt-cv-content\">T-527-95 DERECHO A LA EDUCACI\u00d3N-Naturaleza El derecho a la educaci\u00f3n participa de la naturaleza de fundamental porque resulta propio de la esencia del hombre, ya que realiza su dignidad, y adem\u00e1s porque est\u00e1 expresamente reconocido por la Constituci\u00f3n Pol\u00edtica, y as\u00ed mismo, porque se encuentra amparado por los tratados internacionales. En efecto, el derecho a la educaci\u00f3n cobra relevancia en los primeros a\u00f1os de la vida del ser humano, ya que se trata del per\u00edodo de formaci\u00f3n del individuo, en el que inicia su proceso de acercamiento a la sociedad. DERECHO A LA EDUCACION-Funci\u00f3n social La funci\u00f3n social que cumple ...<br \/><div class=\"pt-cv-rmwrap\"><a href=\"https:\/\/www.dmsjuridica.com\/buscador_20179478954\/corteconstitucionalcronologico202454587\/t-527-95\/\" class=\"_self pt-cv-readmore btn btn-success\" target=\"_self\">Ver Sentencia Completa...<\/a><\/div><\/div><\/div><\/div>\n<div class=\"col-md-12 col-sm-12 col-xs-12 pt-cv-content-item pt-cv-1-col\" ><div class='pt-cv-ifield'><a href=\"https:\/\/www.dmsjuridica.com\/buscador_20179478954\/corteconstitucionalcronologico202454587\/t-526-95\/\" class=\"_self pt-cv-href-thumbnail pt-cv-thumb-default\" target=\"_self\" ><\/a>\n<div class=\"pt-cv-taxoterm above_title\"><a href='https:\/\/www.dmsjuridica.com\/buscador_20179478954\/corteconstitucionalcronologico202454587\/category\/buscar-en-toda-la-corte\/1995\/tutelas-1995\/' title='Tutelas 1995' class='pt-cv-tax-tutelas-1995'>Tutelas 1995<\/a><\/div>\n<h4 class=\"pt-cv-title\"><a href=\"https:\/\/www.dmsjuridica.com\/buscador_20179478954\/corteconstitucionalcronologico202454587\/t-526-95\/\" class=\"_self\" target=\"_self\" >T 526 95<\/a><\/h4>\n<div class=\"pt-cv-content\">T-526-95 Sentencia No. T-526\/95 PENSION DE SOBREVIVIENTES-Suspensi\u00f3n del aporte patronal\/DERECHO A LA SEGURIDAD SOCIAL-Suspensi\u00f3n pago de pensi\u00f3n\/MESADA PENSIONAL-Suspensi\u00f3n de pago El ISS no puede, dada la naturaleza del derecho a la seguridad social, suspender el pago de las mesadas pensionales, con ocasi\u00f3n de la mora causada por la entidad contratante, porque con ello vulnera o amenaza el derecho fundamental a la seguridad social de la peticionaria; en efecto, observa la Sala que existe una omisi\u00f3n del ISS, entidad que debe, una vez se presente la situaci\u00f3n moratoria, iniciar las acciones judiciales y legales pertinentes para obtener la cancelaci\u00f3n de lo ...<br \/><div class=\"pt-cv-rmwrap\"><a href=\"https:\/\/www.dmsjuridica.com\/buscador_20179478954\/corteconstitucionalcronologico202454587\/t-526-95\/\" class=\"_self pt-cv-readmore btn btn-success\" target=\"_self\">Ver Sentencia Completa...<\/a><\/div><\/div><\/div><\/div>\n<div class=\"col-md-12 col-sm-12 col-xs-12 pt-cv-content-item pt-cv-1-col\" ><div class='pt-cv-ifield'><a href=\"https:\/\/www.dmsjuridica.com\/buscador_20179478954\/corteconstitucionalcronologico202454587\/t-518-95\/\" class=\"_self pt-cv-href-thumbnail pt-cv-thumb-default\" target=\"_self\" ><\/a>\n<div class=\"pt-cv-taxoterm above_title\"><a href='https:\/\/www.dmsjuridica.com\/buscador_20179478954\/corteconstitucionalcronologico202454587\/category\/buscar-en-toda-la-corte\/1995\/tutelas-1995\/' title='Tutelas 1995' class='pt-cv-tax-tutelas-1995'>Tutelas 1995<\/a><\/div>\n<h4 class=\"pt-cv-title\"><a href=\"https:\/\/www.dmsjuridica.com\/buscador_20179478954\/corteconstitucionalcronologico202454587\/t-518-95\/\" class=\"_self\" target=\"_self\" >T 518 95<\/a><\/h4>\n<div class=\"pt-cv-content\">T-518-95 Sentencia No. T-518\/95 ACCION DE TUTELA-Procedencia Quien se sienta amenazado o vulnerado por alguna actuaci\u00f3n u omisi\u00f3n de las autoridades p\u00fablicas o de los particulares en los casos que exprese la ley, puede invocar y hacer efectivos sus derechos constitucionales a trav\u00e9s de las acciones contenidas en el ordenamiento, incluyendo la acci\u00f3n de tutela pero s\u00f3lo en aquellos casos en los que el sistema jur\u00eddico haya dejado un vac\u00edo que impida a las personas una plena protecci\u00f3n de sus derechos esenciales. ACCION DE TUTELA CONTRA PROVIDENCIAS JUDICIALES-Procedencia\/VIA DE HECHO-Procedencia excepcional de tutela En lo que tiene que ver con ...<br \/><div class=\"pt-cv-rmwrap\"><a href=\"https:\/\/www.dmsjuridica.com\/buscador_20179478954\/corteconstitucionalcronologico202454587\/t-518-95\/\" class=\"_self pt-cv-readmore btn btn-success\" target=\"_self\">Ver Sentencia Completa...<\/a><\/div><\/div><\/div><\/div>\n<div class=\"col-md-12 col-sm-12 col-xs-12 pt-cv-content-item pt-cv-1-col\" ><div class='pt-cv-ifield'><a href=\"https:\/\/www.dmsjuridica.com\/buscador_20179478954\/corteconstitucionalcronologico202454587\/t-517-95\/\" class=\"_self pt-cv-href-thumbnail pt-cv-thumb-default\" target=\"_self\" ><\/a>\n<div class=\"pt-cv-taxoterm above_title\"><a href='https:\/\/www.dmsjuridica.com\/buscador_20179478954\/corteconstitucionalcronologico202454587\/category\/buscar-en-toda-la-corte\/1995\/tutelas-1995\/' title='Tutelas 1995' class='pt-cv-tax-tutelas-1995'>Tutelas 1995<\/a><\/div>\n<h4 class=\"pt-cv-title\"><a href=\"https:\/\/www.dmsjuridica.com\/buscador_20179478954\/corteconstitucionalcronologico202454587\/t-517-95\/\" class=\"_self\" target=\"_self\" >T 517 95<\/a><\/h4>\n<div class=\"pt-cv-content\">T-517-95 Sentencia No. T-517\/95 ACCION DE TUTELA CONTRA PARTICULARES-Administraci\u00f3n de cementerio La acci\u00f3n de tutela formalmente es procedente contra la administraci\u00f3n del Parque Cementerio, pues dicha acci\u00f3n es viable contra el particular encargado de la prestaci\u00f3n de un servicio p\u00fablico. La funci\u00f3n relativa a la administraci\u00f3n de cementerios, que comprende una variedad de actividades, como son, entre otras, su conservaci\u00f3n y mantenimiento, la inhumaci\u00f3n y exhumaci\u00f3n de cad\u00e1veres, la permisi\u00f3n de la exteriorizaci\u00f3n o manifestaci\u00f3n de diferentes conductas atinentes a pr\u00e1cticas o costumbres personales y cultos religiosos, constituye un verdadero servicio p\u00fablico, pues est\u00e1 encaminado a satisfacer una necesidad colectiva ...<br \/><div class=\"pt-cv-rmwrap\"><a href=\"https:\/\/www.dmsjuridica.com\/buscador_20179478954\/corteconstitucionalcronologico202454587\/t-517-95\/\" class=\"_self pt-cv-readmore btn btn-success\" target=\"_self\">Ver Sentencia Completa...<\/a><\/div><\/div><\/div><\/div>\n<div class=\"col-md-12 col-sm-12 col-xs-12 pt-cv-content-item pt-cv-1-col\" ><div class='pt-cv-ifield'><a href=\"https:\/\/www.dmsjuridica.com\/buscador_20179478954\/corteconstitucionalcronologico202454587\/t-516-95\/\" class=\"_self pt-cv-href-thumbnail pt-cv-thumb-default\" target=\"_self\" ><\/a>\n<div class=\"pt-cv-taxoterm above_title\"><a href='https:\/\/www.dmsjuridica.com\/buscador_20179478954\/corteconstitucionalcronologico202454587\/category\/buscar-en-toda-la-corte\/1995\/tutelas-1995\/' title='Tutelas 1995' class='pt-cv-tax-tutelas-1995'>Tutelas 1995<\/a><\/div>\n<h4 class=\"pt-cv-title\"><a href=\"https:\/\/www.dmsjuridica.com\/buscador_20179478954\/corteconstitucionalcronologico202454587\/t-516-95\/\" class=\"_self\" target=\"_self\" >T 516 95<\/a><\/h4>\n<div class=\"pt-cv-content\">T-516-95 Sentencia No. T-516\/95 DERECHO A LA IGUALDAD-Pago de cr\u00e9dito para vivienda La exigibilidad autom\u00e1tica del d\u00e9bito econ\u00f3mico y la imposici\u00f3n de un t\u00e9rmino breve y mucho menor que el ordinario para redimir la obligaci\u00f3n jur\u00eddica de car\u00e1cter econ\u00f3mico, por el retiro unilateral y sin justa causa ordenado por el patrono, en un cr\u00e9dito para vivienda de los trabajadores, constituido dentro del marco de un determinado r\u00e9gimen salarial y prestacional como una prestaci\u00f3n social especial, no es una pr\u00e1ctica discriminatoria ni ofensiva que recaiga en contra de una persona natural en condiciones de debilidad manifiesta y en situaci\u00f3n de indefensi\u00f3n, ...<br \/><div class=\"pt-cv-rmwrap\"><a href=\"https:\/\/www.dmsjuridica.com\/buscador_20179478954\/corteconstitucionalcronologico202454587\/t-516-95\/\" class=\"_self pt-cv-readmore btn btn-success\" target=\"_self\">Ver Sentencia Completa...<\/a><\/div><\/div><\/div><\/div>\n<div class=\"col-md-12 col-sm-12 col-xs-12 pt-cv-content-item pt-cv-1-col\" ><div class='pt-cv-ifield'><a href=\"https:\/\/www.dmsjuridica.com\/buscador_20179478954\/corteconstitucionalcronologico202454587\/t-515-95\/\" class=\"_self pt-cv-href-thumbnail pt-cv-thumb-default\" target=\"_self\" ><\/a>\n<div class=\"pt-cv-taxoterm above_title\"><a href='https:\/\/www.dmsjuridica.com\/buscador_20179478954\/corteconstitucionalcronologico202454587\/category\/buscar-en-toda-la-corte\/1995\/tutelas-1995\/' title='Tutelas 1995' class='pt-cv-tax-tutelas-1995'>Tutelas 1995<\/a><\/div>\n<h4 class=\"pt-cv-title\"><a href=\"https:\/\/www.dmsjuridica.com\/buscador_20179478954\/corteconstitucionalcronologico202454587\/t-515-95\/\" class=\"_self\" target=\"_self\" >T 515 95<\/a><\/h4>\n<div class=\"pt-cv-content\">T-515-95 bSentencia No. T-515\/95 AUTONOMIA UNIVERSITARIA-L\u00edmites La autonom\u00eda universitaria de manera alguna implica el elemento de lo absoluto. Dentro de un sentido general, la autonom\u00eda universitaria se admite de acuerdo a determinados par\u00e1metros que la Constituci\u00f3n establece, constituy\u00e9ndose, entonces, en una relaci\u00f3n derecho-deber, lo cual implica una ambivalente reciprocidad por cuanto su reconocimiento y su limitaci\u00f3n est\u00e1n en la misma Constituci\u00f3n. El l\u00edmite a la autonom\u00eda universitaria lo establece el contenido Constitucional, que garantiza su protecci\u00f3n pero sin desmedro de los derechos igualmente protegidos por la normatividad constitucional. Hay que precisar que la autonom\u00eda universitaria en cierta forma es expresi\u00f3n ...<br \/><div class=\"pt-cv-rmwrap\"><a href=\"https:\/\/www.dmsjuridica.com\/buscador_20179478954\/corteconstitucionalcronologico202454587\/t-515-95\/\" class=\"_self pt-cv-readmore btn btn-success\" target=\"_self\">Ver Sentencia Completa...<\/a><\/div><\/div><\/div><\/div>\n<div class=\"col-md-12 col-sm-12 col-xs-12 pt-cv-content-item pt-cv-1-col\" ><div class='pt-cv-ifield'><a href=\"https:\/\/www.dmsjuridica.com\/buscador_20179478954\/corteconstitucionalcronologico202454587\/t-513-95\/\" class=\"_self pt-cv-href-thumbnail pt-cv-thumb-default\" target=\"_self\" ><\/a>\n<div class=\"pt-cv-taxoterm above_title\"><a href='https:\/\/www.dmsjuridica.com\/buscador_20179478954\/corteconstitucionalcronologico202454587\/category\/buscar-en-toda-la-corte\/1995\/tutelas-1995\/' title='Tutelas 1995' class='pt-cv-tax-tutelas-1995'>Tutelas 1995<\/a><\/div>\n<h4 class=\"pt-cv-title\"><a href=\"https:\/\/www.dmsjuridica.com\/buscador_20179478954\/corteconstitucionalcronologico202454587\/t-513-95\/\" class=\"_self\" target=\"_self\" >T 513 95<\/a><\/h4>\n<div class=\"pt-cv-content\">T-513-95 Sentencia No. T-513\/95 FALTA DE LEGITIMACION POR ACTIVA EN TUTELA-Persona que no desea vivir\/DEBERES SOCIALES DEL ESTADO-Persona que no desea vivir No puede una persona interponer tutela contra otra que supuestamente est\u00e1 violando sus propios derechos, porque en ese orden de ideas todo el fuero personal\u00edsimo de un sujeto podr\u00eda ser interferido por los dem\u00e1s, vulnerando as\u00ed la autodeterminaci\u00f3n del hombre, cuesti\u00f3n que s\u00f3lo le compete a \u00e9l y a nadie m\u00e1s. Recuerda esta Corporaci\u00f3n c\u00f3mo lo jur\u00eddico opera en el campo de lo social, y nunca en el fuero interno, propio de la norma moral, que es aut\u00f3noma ...<br \/><div class=\"pt-cv-rmwrap\"><a href=\"https:\/\/www.dmsjuridica.com\/buscador_20179478954\/corteconstitucionalcronologico202454587\/t-513-95\/\" class=\"_self pt-cv-readmore btn btn-success\" target=\"_self\">Ver Sentencia Completa...<\/a><\/div><\/div><\/div><\/div>\n<div class=\"col-md-12 col-sm-12 col-xs-12 pt-cv-content-item pt-cv-1-col\" ><div class='pt-cv-ifield'><a href=\"https:\/\/www.dmsjuridica.com\/buscador_20179478954\/corteconstitucionalcronologico202454587\/t-512-95\/\" class=\"_self pt-cv-href-thumbnail pt-cv-thumb-default\" target=\"_self\" ><\/a>\n<div class=\"pt-cv-taxoterm above_title\"><a href='https:\/\/www.dmsjuridica.com\/buscador_20179478954\/corteconstitucionalcronologico202454587\/category\/buscar-en-toda-la-corte\/1995\/tutelas-1995\/' title='Tutelas 1995' class='pt-cv-tax-tutelas-1995'>Tutelas 1995<\/a><\/div>\n<h4 class=\"pt-cv-title\"><a href=\"https:\/\/www.dmsjuridica.com\/buscador_20179478954\/corteconstitucionalcronologico202454587\/t-512-95\/\" class=\"_self\" target=\"_self\" >T 512 95<\/a><\/h4>\n<div class=\"pt-cv-content\">T-512-95 Sentencia No. T-512\/95 DEMANDA DE TUTELA-Procedencia frente a violaciones presentes No basta con establecer que la causa mediata o inmediata de la vulneraci\u00f3n o amenaza del derecho que se pretende proteger acaeci\u00f3 con anterioridad a la vigencia de la Carta para, por ese solo hecho, desvirtuar la procedencia de la acci\u00f3n de tutela. Resulta necesario, en estos casos, estudiar si al impetrarse la acci\u00f3n el derecho tutelado se encontraba a\u00fan amenazado, o si subsist\u00eda la vulneraci\u00f3n, con independencia de la \u00e9poca en que se origino la lesi\u00f3n. No se trata de hechos ocurridos y consumados bajo el orden constitucional ...<br \/><div class=\"pt-cv-rmwrap\"><a href=\"https:\/\/www.dmsjuridica.com\/buscador_20179478954\/corteconstitucionalcronologico202454587\/t-512-95\/\" class=\"_self pt-cv-readmore btn btn-success\" target=\"_self\">Ver Sentencia Completa...<\/a><\/div><\/div><\/div><\/div>\n<div class=\"col-md-12 col-sm-12 col-xs-12 pt-cv-content-item pt-cv-1-col\" ><div class='pt-cv-ifield'><a href=\"https:\/\/www.dmsjuridica.com\/buscador_20179478954\/corteconstitucionalcronologico202454587\/t-502-95\/\" class=\"_self pt-cv-href-thumbnail pt-cv-thumb-default\" target=\"_self\" ><\/a>\n<div class=\"pt-cv-taxoterm above_title\"><a href='https:\/\/www.dmsjuridica.com\/buscador_20179478954\/corteconstitucionalcronologico202454587\/category\/buscar-en-toda-la-corte\/1995\/tutelas-1995\/' title='Tutelas 1995' class='pt-cv-tax-tutelas-1995'>Tutelas 1995<\/a><\/div>\n<h4 class=\"pt-cv-title\"><a href=\"https:\/\/www.dmsjuridica.com\/buscador_20179478954\/corteconstitucionalcronologico202454587\/t-502-95\/\" class=\"_self\" target=\"_self\" >T 502 95<\/a><\/h4>\n<div class=\"pt-cv-content\">T-502-95 Sentencia No. T-502\/95 TRATAMIENTO MEDICO DEL MENOR-Cat\u00e1logo de medicamento\/INSTITUTO DE SEGUROS SOCIALES-Suministro de medicamento\/DERECHO A LA SALUD-Suministro de medicamentos\/DERECHO A LA VIDA-Suministro de medicamentos El caso que motiva el presente fallo (ni\u00f1o epil\u00e9ctico) la droga que se le niega al enfermo es indispensable, seg\u00fan el m\u00e9dico, para un tratamiento adecuado. La demandante afirma que su hijo solamente ha encontrado mejor\u00eda con el medicamento que en una oportunidad le recet\u00f3 la pediatra. Se abrigan, entonces, razonables esperanzas de mejor\u00eda para el infante. Significa esto que la no aplicaci\u00f3n de la droga que la m\u00e9dico considera adecuada, repercute en contra de ...<br \/><div class=\"pt-cv-rmwrap\"><a href=\"https:\/\/www.dmsjuridica.com\/buscador_20179478954\/corteconstitucionalcronologico202454587\/t-502-95\/\" class=\"_self pt-cv-readmore btn btn-success\" target=\"_self\">Ver Sentencia Completa...<\/a><\/div><\/div><\/div><\/div>\n<div class=\"col-md-12 col-sm-12 col-xs-12 pt-cv-content-item pt-cv-1-col\" ><div class='pt-cv-ifield'><a href=\"https:\/\/www.dmsjuridica.com\/buscador_20179478954\/corteconstitucionalcronologico202454587\/t-501-95\/\" class=\"_self pt-cv-href-thumbnail pt-cv-thumb-default\" target=\"_self\" ><\/a>\n<div class=\"pt-cv-taxoterm above_title\"><a href='https:\/\/www.dmsjuridica.com\/buscador_20179478954\/corteconstitucionalcronologico202454587\/category\/buscar-en-toda-la-corte\/1995\/tutelas-1995\/' title='Tutelas 1995' class='pt-cv-tax-tutelas-1995'>Tutelas 1995<\/a><\/div>\n<h4 class=\"pt-cv-title\"><a href=\"https:\/\/www.dmsjuridica.com\/buscador_20179478954\/corteconstitucionalcronologico202454587\/t-501-95\/\" class=\"_self\" target=\"_self\" >T 501 95<\/a><\/h4>\n<div class=\"pt-cv-content\">T-501-95 Sentencia No. T-501\/95 DERECHO A LA VIDA-Derrumbe de colegio\/ESCUELA-Derrumbe S\u00ed se encuentran los alumnos y profesores del Colegio avocados a una situaci\u00f3n de peligro que puede causar un perjuicio irremediable, pues de no tomar las medidas pertinentes, el plantel puede derrumbarse, vulnerando no s\u00f3lo los derechos fundamentales invocados como sustento de la presente acci\u00f3n, sino adem\u00e1s el derecho a la vida y la integridad f\u00edsica de alumnos y docentes que desarrollan su labor en el colegio citado. MEDIO DE DEFENSA JUDICIAL INEFICAZ-Acta de compromiso\/ACCION DE TUTELA TRANSITORIA-Derrumbe de colegio Cuando el Juez dice que la acci\u00f3n de tutela ejercida ...<br \/><div class=\"pt-cv-rmwrap\"><a href=\"https:\/\/www.dmsjuridica.com\/buscador_20179478954\/corteconstitucionalcronologico202454587\/t-501-95\/\" class=\"_self pt-cv-readmore btn btn-success\" target=\"_self\">Ver Sentencia Completa...<\/a><\/div><\/div><\/div><\/div>\n<div class=\"col-md-12 col-sm-12 col-xs-12 pt-cv-content-item pt-cv-1-col\" ><div class='pt-cv-ifield'><a href=\"https:\/\/www.dmsjuridica.com\/buscador_20179478954\/corteconstitucionalcronologico202454587\/t-500-95\/\" class=\"_self pt-cv-href-thumbnail pt-cv-thumb-default\" target=\"_self\" ><\/a>\n<div class=\"pt-cv-taxoterm above_title\"><a href='https:\/\/www.dmsjuridica.com\/buscador_20179478954\/corteconstitucionalcronologico202454587\/category\/buscar-en-toda-la-corte\/1995\/tutelas-1995\/' title='Tutelas 1995' class='pt-cv-tax-tutelas-1995'>Tutelas 1995<\/a><\/div>\n<h4 class=\"pt-cv-title\"><a href=\"https:\/\/www.dmsjuridica.com\/buscador_20179478954\/corteconstitucionalcronologico202454587\/t-500-95\/\" class=\"_self\" target=\"_self\" >T 500 95<\/a><\/h4>\n<div class=\"pt-cv-content\">T-500-95 Sentencia No. T-500\/95 MEDIDA PROVISIONAL PARA PROTEGER UN DERECHO La Corte decidi\u00f3 suspender la ejecuci\u00f3n del fallo, hasta tanto se profiriera el correspondiente fallo de revisi\u00f3n dentro de la presente acci\u00f3n de tutela. La Sala adopt\u00f3 dicha medida, toda vez que consider\u00f3 que el fallo del Juzgado \"presuntamente se encuentra en contradicci\u00f3n con una sentencia proferida por esta misma Sala de Revisi\u00f3n de la Corte Constitucional, y que dicha situaci\u00f3n podr\u00eda afectar a terceras personas y desestabilizar el orden jur\u00eddico.\" RECUSACION-Improcedencia Se recus\u00f3 al magistrado ponente, argumentando que \u00e9l hab\u00eda ofrecido declaraciones al diario \"El Tiempo\" acerca del presente ...<br \/><div class=\"pt-cv-rmwrap\"><a href=\"https:\/\/www.dmsjuridica.com\/buscador_20179478954\/corteconstitucionalcronologico202454587\/t-500-95\/\" class=\"_self pt-cv-readmore btn btn-success\" target=\"_self\">Ver Sentencia Completa...<\/a><\/div><\/div><\/div><\/div>\n<div class=\"col-md-12 col-sm-12 col-xs-12 pt-cv-content-item pt-cv-1-col\" ><div class='pt-cv-ifield'><a href=\"https:\/\/www.dmsjuridica.com\/buscador_20179478954\/corteconstitucionalcronologico202454587\/t-499-95\/\" class=\"_self pt-cv-href-thumbnail pt-cv-thumb-default\" target=\"_self\" ><\/a>\n<div class=\"pt-cv-taxoterm above_title\"><a href='https:\/\/www.dmsjuridica.com\/buscador_20179478954\/corteconstitucionalcronologico202454587\/category\/buscar-en-toda-la-corte\/1995\/tutelas-1995\/' title='Tutelas 1995' class='pt-cv-tax-tutelas-1995'>Tutelas 1995<\/a><\/div>\n<h4 class=\"pt-cv-title\"><a href=\"https:\/\/www.dmsjuridica.com\/buscador_20179478954\/corteconstitucionalcronologico202454587\/t-499-95\/\" class=\"_self\" target=\"_self\" >T 499 95<\/a><\/h4>\n<div class=\"pt-cv-content\">T-499-95 Sentencia No. T-499\/95 DERECHO A LA VIVIENDA DIGNA-Naturaleza prestacional Si bien el derecho a la vivienda digna -como derecho prestacional-, no tiene car\u00e1cter fundamental y, por tanto, no es objeto de acci\u00f3n de tutela, no puede de plano descartarse que, al ser desarrollado legalmente, no puedan surgir por parte de las personas interesadas, reclamaciones y pretensiones de diversa naturaleza, fundadas en el derecho a la igualdad y a la participaci\u00f3n. RED DE SOLIDARIDAD SOCIAL La Red de Solidaridad Social no sustituye, sino complementa, los programas estructurales de educaci\u00f3n, salud, seguridad social y vivienda. La orientaci\u00f3n de la Red tiene ...<br \/><div class=\"pt-cv-rmwrap\"><a href=\"https:\/\/www.dmsjuridica.com\/buscador_20179478954\/corteconstitucionalcronologico202454587\/t-499-95\/\" class=\"_self pt-cv-readmore btn btn-success\" target=\"_self\">Ver Sentencia Completa...<\/a><\/div><\/div><\/div><\/div>\n<div class=\"col-md-12 col-sm-12 col-xs-12 pt-cv-content-item pt-cv-1-col\" ><div class='pt-cv-ifield'><a href=\"https:\/\/www.dmsjuridica.com\/buscador_20179478954\/corteconstitucionalcronologico202454587\/t-496-95\/\" class=\"_self pt-cv-href-thumbnail pt-cv-thumb-default\" target=\"_self\" ><\/a>\n<div class=\"pt-cv-taxoterm above_title\"><a href='https:\/\/www.dmsjuridica.com\/buscador_20179478954\/corteconstitucionalcronologico202454587\/category\/buscar-en-toda-la-corte\/1995\/tutelas-1995\/' title='Tutelas 1995' class='pt-cv-tax-tutelas-1995'>Tutelas 1995<\/a><\/div>\n<h4 class=\"pt-cv-title\"><a href=\"https:\/\/www.dmsjuridica.com\/buscador_20179478954\/corteconstitucionalcronologico202454587\/t-496-95\/\" class=\"_self\" target=\"_self\" >T 496 95<\/a><\/h4>\n<div class=\"pt-cv-content\">T-496-95 Sentencia No. T-496\/95 DERECHOS FUNDAMENTALES-N\u00facleo esencial Para que se amenace uno o varios derechos constitucionales fundamentales, es necesario un m\u00ednimo de evidencia f\u00e1ctica, de suerte que sea razonable pensar en la realizaci\u00f3n del da\u00f1o o menoscabo material o moral. Se requiere que la acci\u00f3n pueda resultar, una vez evaluados los elementos objetivos del caso, evidentemente perjudicial frente al bien jur\u00eddico protegido, de forma tal que los temores del actor ante la inmediata probabilidad de da\u00f1o, se encuentren realmente fundamentados. De no ser ello as\u00ed, la acci\u00f3n de tutela se desnaturalizar\u00eda y pasar\u00eda a convertirse, ah\u00ed s\u00ed, en una jurisdicci\u00f3n ...<br \/><div class=\"pt-cv-rmwrap\"><a href=\"https:\/\/www.dmsjuridica.com\/buscador_20179478954\/corteconstitucionalcronologico202454587\/t-496-95\/\" class=\"_self pt-cv-readmore btn btn-success\" target=\"_self\">Ver Sentencia Completa...<\/a><\/div><\/div><\/div><\/div>\n<div class=\"col-md-12 col-sm-12 col-xs-12 pt-cv-content-item pt-cv-1-col\" ><div class='pt-cv-ifield'><a href=\"https:\/\/www.dmsjuridica.com\/buscador_20179478954\/corteconstitucionalcronologico202454587\/t-495-95\/\" class=\"_self pt-cv-href-thumbnail pt-cv-thumb-default\" target=\"_self\" ><\/a>\n<div class=\"pt-cv-taxoterm above_title\"><a href='https:\/\/www.dmsjuridica.com\/buscador_20179478954\/corteconstitucionalcronologico202454587\/category\/buscar-en-toda-la-corte\/1995\/tutelas-1995\/' title='Tutelas 1995' class='pt-cv-tax-tutelas-1995'>Tutelas 1995<\/a><\/div>\n<h4 class=\"pt-cv-title\"><a href=\"https:\/\/www.dmsjuridica.com\/buscador_20179478954\/corteconstitucionalcronologico202454587\/t-495-95\/\" class=\"_self\" target=\"_self\" >T 495 95<\/a><\/h4>\n<div class=\"pt-cv-content\">T-495-95 Sentencia No. T-495\/95 DERECHO A LA VIVIENDA DIGNA-Naturaleza prestacional El derecho a la vivienda digna se encuentra consagrado en la Constituci\u00f3n Pol\u00edtica. Impone al Estado la responsabilidad de fijar las condiciones necesarias para hacer efectivo el derecho en favor de todos los colombianos y de promover planes de vivienda de inter\u00e9s social, sistemas adecuados de financiaci\u00f3n a largo plazo y formas asociativas de ejecuci\u00f3n de dichos planes. DERECHO A LA VIDA-Demolici\u00f3n de vivienda Los deslizamientos de tierra ocurridos han ocasionados v\u00edctimas y la posibilidad de que vuelvan a suceder genera una clara amenaza a la vida de quienes habitan ...<br \/><div class=\"pt-cv-rmwrap\"><a href=\"https:\/\/www.dmsjuridica.com\/buscador_20179478954\/corteconstitucionalcronologico202454587\/t-495-95\/\" class=\"_self pt-cv-readmore btn btn-success\" target=\"_self\">Ver Sentencia Completa...<\/a><\/div><\/div><\/div><\/div>\n<div class=\"col-md-12 col-sm-12 col-xs-12 pt-cv-content-item pt-cv-1-col\" ><div class='pt-cv-ifield'><a href=\"https:\/\/www.dmsjuridica.com\/buscador_20179478954\/corteconstitucionalcronologico202454587\/t-494-95\/\" class=\"_self pt-cv-href-thumbnail pt-cv-thumb-default\" target=\"_self\" ><\/a>\n<div class=\"pt-cv-taxoterm above_title\"><a href='https:\/\/www.dmsjuridica.com\/buscador_20179478954\/corteconstitucionalcronologico202454587\/category\/buscar-en-toda-la-corte\/1995\/tutelas-1995\/' title='Tutelas 1995' class='pt-cv-tax-tutelas-1995'>Tutelas 1995<\/a><\/div>\n<h4 class=\"pt-cv-title\"><a href=\"https:\/\/www.dmsjuridica.com\/buscador_20179478954\/corteconstitucionalcronologico202454587\/t-494-95\/\" class=\"_self\" target=\"_self\" >T 494 95<\/a><\/h4>\n<div class=\"pt-cv-content\">T-494-95 Sentencia No. T-494\/95 ACCION DE TUTELA CONTRA PROVIDENCIAS JUDICIALES\/VIA DE HECHO Si bien la tutela es una acci\u00f3n improcedente contra sentencias judiciales, es procedente y viable contra decisiones arbitrarias adoptadas por un juez, no obstante que \u00e9stas se produzcan durante el desarrollo de un proceso judicial, por cuanto para adoptarlas dicho juez \"se aleja por entero del imperio de la ley\", despoj\u00e1ndolas del car\u00e1cter de decisiones judiciales; se trata entonces de reivindicar la procedencia de esta modalidad de amparo contra v\u00edas de hecho judiciales, no contra sentencias judiciales, ajenas por completo al contexto en el que se producen las ...<br \/><div class=\"pt-cv-rmwrap\"><a href=\"https:\/\/www.dmsjuridica.com\/buscador_20179478954\/corteconstitucionalcronologico202454587\/t-494-95\/\" class=\"_self pt-cv-readmore btn btn-success\" target=\"_self\">Ver Sentencia Completa...<\/a><\/div><\/div><\/div><\/div>\n<div class=\"col-md-12 col-sm-12 col-xs-12 pt-cv-content-item pt-cv-1-col\" ><div class='pt-cv-ifield'><a href=\"https:\/\/www.dmsjuridica.com\/buscador_20179478954\/corteconstitucionalcronologico202454587\/t-492-95\/\" class=\"_self pt-cv-href-thumbnail pt-cv-thumb-default\" target=\"_self\" ><\/a>\n<div class=\"pt-cv-taxoterm above_title\"><a href='https:\/\/www.dmsjuridica.com\/buscador_20179478954\/corteconstitucionalcronologico202454587\/category\/buscar-en-toda-la-corte\/1995\/tutelas-1995\/' title='Tutelas 1995' class='pt-cv-tax-tutelas-1995'>Tutelas 1995<\/a><\/div>\n<h4 class=\"pt-cv-title\"><a href=\"https:\/\/www.dmsjuridica.com\/buscador_20179478954\/corteconstitucionalcronologico202454587\/t-492-95\/\" class=\"_self\" target=\"_self\" >T 492 95<\/a><\/h4>\n<div class=\"pt-cv-content\">T-492-95 PRINCIPIO DE AUTONOMIA FUNCIONAL DEL JUEZ Mediante el postulado de la autonom\u00eda se busca evitar que las decisiones judiciales sean el resultado de \u00f3rdenes o presiones sobre el funcionario que las adopta, quien, en el ejercicio de su funci\u00f3n, est\u00e1 sujeto \u00fanicamente a la Constituci\u00f3n y a la ley. En el \u00e1mbito reservado a su funci\u00f3n, dentro de las normas y criterios legales, el juez competente dispone de la facultad inalienable de resolver sobre el asunto sometido a su an\u00e1lisis, sea propiamente en el curso de una controversia litigiosa o en el campo de la definici\u00f3n o constaci\u00f3n del ...<br \/><div class=\"pt-cv-rmwrap\"><a href=\"https:\/\/www.dmsjuridica.com\/buscador_20179478954\/corteconstitucionalcronologico202454587\/t-492-95\/\" class=\"_self pt-cv-readmore btn btn-success\" target=\"_self\">Ver Sentencia Completa...<\/a><\/div><\/div><\/div><\/div>\n<div class=\"col-md-12 col-sm-12 col-xs-12 pt-cv-content-item pt-cv-1-col\" ><div class='pt-cv-ifield'><a href=\"https:\/\/www.dmsjuridica.com\/buscador_20179478954\/corteconstitucionalcronologico202454587\/t-487-95\/\" class=\"_self pt-cv-href-thumbnail pt-cv-thumb-default\" target=\"_self\" ><\/a>\n<div class=\"pt-cv-taxoterm above_title\"><a href='https:\/\/www.dmsjuridica.com\/buscador_20179478954\/corteconstitucionalcronologico202454587\/category\/buscar-en-toda-la-corte\/1995\/tutelas-1995\/' title='Tutelas 1995' class='pt-cv-tax-tutelas-1995'>Tutelas 1995<\/a><\/div>\n<h4 class=\"pt-cv-title\"><a href=\"https:\/\/www.dmsjuridica.com\/buscador_20179478954\/corteconstitucionalcronologico202454587\/t-487-95\/\" class=\"_self\" target=\"_self\" >T 487 95<\/a><\/h4>\n<div class=\"pt-cv-content\">T-487-95 Sentencia No. T-487\/95 DERECHO DE PETICION-Pronta resoluci\u00f3n Hasta el momento no se ha dado respuesta efectiva a pesar de haber transcurrido un tiempo m\u00e1s que razonable para que la entidad se hubiese pronunciado, violando as\u00ed el derecho de petici\u00f3n. SILENCIO ADMINISTRATIVO NEGATIVO No comparte la Sala las apreciaciones del juez de instancia, en cuanto a que la ocurrencia del fen\u00f3meno del silencio administrativo negativo, al brindar al ciudadano la oportunidad de acudir ante la jurisdicci\u00f3n Contencioso Administrativa a demandar la nulidad del acto ficto, exime a la autoridad de la obligaci\u00f3n constitucional de responder las solicitudes que presenten ante ...<br \/><div class=\"pt-cv-rmwrap\"><a href=\"https:\/\/www.dmsjuridica.com\/buscador_20179478954\/corteconstitucionalcronologico202454587\/t-487-95\/\" class=\"_self pt-cv-readmore btn btn-success\" target=\"_self\">Ver Sentencia Completa...<\/a><\/div><\/div><\/div><\/div>\n<div class=\"col-md-12 col-sm-12 col-xs-12 pt-cv-content-item pt-cv-1-col\" ><div class='pt-cv-ifield'><a href=\"https:\/\/www.dmsjuridica.com\/buscador_20179478954\/corteconstitucionalcronologico202454587\/t-486-95\/\" class=\"_self pt-cv-href-thumbnail pt-cv-thumb-default\" target=\"_self\" ><\/a>\n<div class=\"pt-cv-taxoterm above_title\"><a href='https:\/\/www.dmsjuridica.com\/buscador_20179478954\/corteconstitucionalcronologico202454587\/category\/buscar-en-toda-la-corte\/1995\/tutelas-1995\/' title='Tutelas 1995' class='pt-cv-tax-tutelas-1995'>Tutelas 1995<\/a><\/div>\n<h4 class=\"pt-cv-title\"><a href=\"https:\/\/www.dmsjuridica.com\/buscador_20179478954\/corteconstitucionalcronologico202454587\/t-486-95\/\" class=\"_self\" target=\"_self\" >T 486 95<\/a><\/h4>\n<div class=\"pt-cv-content\">T-486-95 Sentencia No. T-486\/95 ACCION DE TUTELA-Improcedencia por violaci\u00f3n de la ley\/ACCION DE TUTELA-Improcedencia por violaci\u00f3n de reglamento de trabajo No es procedente el juicio constitucional mediante la acci\u00f3n de tutela, cuando la vulneraci\u00f3n del derecho fundamental invocado no surge de manera directa, sino como consecuencia de la violaci\u00f3n de la ley o reglamento de trabajo de una empresa. Cuando la vulneraci\u00f3n del derecho fundamental invocado es indirecto, es decir, que surge de la aplicaci\u00f3n o interpretaci\u00f3n de un reglamento o de la ley como es el derecho a la sustituci\u00f3n pensional en favor de beneficiarios, es al juez laboral ...<br \/><div class=\"pt-cv-rmwrap\"><a href=\"https:\/\/www.dmsjuridica.com\/buscador_20179478954\/corteconstitucionalcronologico202454587\/t-486-95\/\" class=\"_self pt-cv-readmore btn btn-success\" target=\"_self\">Ver Sentencia Completa...<\/a><\/div><\/div><\/div><\/div>\n<div class=\"col-md-12 col-sm-12 col-xs-12 pt-cv-content-item pt-cv-1-col\" ><div class='pt-cv-ifield'><a href=\"https:\/\/www.dmsjuridica.com\/buscador_20179478954\/corteconstitucionalcronologico202454587\/t-478-95\/\" class=\"_self pt-cv-href-thumbnail pt-cv-thumb-default\" target=\"_self\" ><\/a>\n<div class=\"pt-cv-taxoterm above_title\"><a href='https:\/\/www.dmsjuridica.com\/buscador_20179478954\/corteconstitucionalcronologico202454587\/category\/buscar-en-toda-la-corte\/1995\/tutelas-1995\/' title='Tutelas 1995' class='pt-cv-tax-tutelas-1995'>Tutelas 1995<\/a><\/div>\n<h4 class=\"pt-cv-title\"><a href=\"https:\/\/www.dmsjuridica.com\/buscador_20179478954\/corteconstitucionalcronologico202454587\/t-478-95\/\" class=\"_self\" target=\"_self\" >T 478 95<\/a><\/h4>\n<div class=\"pt-cv-content\">T-478-95 Sentencia No. T-478\/95 DERECHO A LA SEGURIDAD SOCIAL DE PERSONA DISMINUIDA PSIQUICAMENTE La propia Constituci\u00f3n, bajo una f\u00f3rmula program\u00e1tica, compromete al Estado en la ejecuci\u00f3n de una pol\u00edtica de previsi\u00f3n, rehabilitaci\u00f3n e integraci\u00f3n social para los disminuidos ps\u00edquicos, prest\u00e1ndoles la atenci\u00f3n especializada que requieran. Ahora bien, actualmente a \u00e9sta \u00faltima disposici\u00f3n superior, el legislador le ha creado ciertas condiciones de eficacia, las cuales pueden generar, con el cumplimiento de los requisitos exigidos por la norma citada, derechos subjetivos en cabeza de las personas cuya condici\u00f3n mental es deficiente. As\u00ed, el art\u00edculo 157 ib\u00eddem se\u00f1ala que existen dos tipos de ...<br \/><div class=\"pt-cv-rmwrap\"><a href=\"https:\/\/www.dmsjuridica.com\/buscador_20179478954\/corteconstitucionalcronologico202454587\/t-478-95\/\" class=\"_self pt-cv-readmore btn btn-success\" target=\"_self\">Ver Sentencia Completa...<\/a><\/div><\/div><\/div><\/div>\n<div class=\"col-md-12 col-sm-12 col-xs-12 pt-cv-content-item pt-cv-1-col\" ><div class='pt-cv-ifield'><a href=\"https:\/\/www.dmsjuridica.com\/buscador_20179478954\/corteconstitucionalcronologico202454587\/t-477-95\/\" class=\"_self pt-cv-href-thumbnail pt-cv-thumb-default\" target=\"_self\" ><\/a>\n<div class=\"pt-cv-taxoterm above_title\"><a href='https:\/\/www.dmsjuridica.com\/buscador_20179478954\/corteconstitucionalcronologico202454587\/category\/buscar-en-toda-la-corte\/1995\/tutelas-1995\/' title='Tutelas 1995' class='pt-cv-tax-tutelas-1995'>Tutelas 1995<\/a><\/div>\n<h4 class=\"pt-cv-title\"><a href=\"https:\/\/www.dmsjuridica.com\/buscador_20179478954\/corteconstitucionalcronologico202454587\/t-477-95\/\" class=\"_self\" target=\"_self\" >T 477 95<\/a><\/h4>\n<div class=\"pt-cv-content\">T-477-95 Sentencia No. T-477\/95 NULIDAD POR FALTA DE NOTIFICACION DE TUTELA-Iniciaci\u00f3n de la acci\u00f3n Cuando una tutela se dirige contra particulares, el juez debe informarles a \u00e9stos que se ha iniciado un proceso en su contra y que pueden hacer uso de las garant\u00edas que la Constituci\u00f3n Pol\u00edtica les otorga. El no hacerlo genera una nulidad de lo actuado por violaci\u00f3n al debido proceso, dado el car\u00e1cter relevante de la omisi\u00f3n. READECUACION DE SEXO DEL MENOR\/CONSENTIMIENTO DEL PACIENTE-Cambio de sexo\/TEORIA DE LA INFORMACION-Cambio de sexo La obligaci\u00f3n contractual o extracontractual del m\u00e9dico respecto del ser humano a quien va a ...<br \/><div class=\"pt-cv-rmwrap\"><a href=\"https:\/\/www.dmsjuridica.com\/buscador_20179478954\/corteconstitucionalcronologico202454587\/t-477-95\/\" class=\"_self pt-cv-readmore btn btn-success\" target=\"_self\">Ver Sentencia Completa...<\/a><\/div><\/div><\/div><\/div>\n<div class=\"col-md-12 col-sm-12 col-xs-12 pt-cv-content-item pt-cv-1-col\" ><div class='pt-cv-ifield'><a href=\"https:\/\/www.dmsjuridica.com\/buscador_20179478954\/corteconstitucionalcronologico202454587\/t-476-95\/\" class=\"_self pt-cv-href-thumbnail pt-cv-thumb-default\" target=\"_self\" ><\/a>\n<div class=\"pt-cv-taxoterm above_title\"><a href='https:\/\/www.dmsjuridica.com\/buscador_20179478954\/corteconstitucionalcronologico202454587\/category\/buscar-en-toda-la-corte\/1995\/tutelas-1995\/' title='Tutelas 1995' class='pt-cv-tax-tutelas-1995'>Tutelas 1995<\/a><\/div>\n<h4 class=\"pt-cv-title\"><a href=\"https:\/\/www.dmsjuridica.com\/buscador_20179478954\/corteconstitucionalcronologico202454587\/t-476-95\/\" class=\"_self\" target=\"_self\" >T 476 95<\/a><\/h4>\n<div class=\"pt-cv-content\">T-476-95 DERECHO A LA EDUCACION-Finalidad Las finalidades que gu\u00edan la misi\u00f3n educativa, no deben, entonces, resultar sacrificadas en aras de la represi\u00f3n de ciertos comportamientos, que bien pueden ser accidentales al prop\u00f3sito esencial que se pretende mediante la educaci\u00f3n, y, adem\u00e1s ser perfectamente aceptables como objeto de las garant\u00edas constitucionales y del amparo judicial de un determinado derecho constitucional fundamental. Es m\u00e1s apropiado recurrir a los m\u00e9todos de la pedagog\u00eda para encauzar una conducta en un sentido determinado, que tener a la represi\u00f3n por instrumento \u00fanico; as\u00ed se lograr\u00eda, conciliar el respeto que merecen los derechos de los educandos con ...<br \/><div class=\"pt-cv-rmwrap\"><a href=\"https:\/\/www.dmsjuridica.com\/buscador_20179478954\/corteconstitucionalcronologico202454587\/t-476-95\/\" class=\"_self pt-cv-readmore btn btn-success\" target=\"_self\">Ver Sentencia Completa...<\/a><\/div><\/div><\/div><\/div>\n<div class=\"col-md-12 col-sm-12 col-xs-12 pt-cv-content-item pt-cv-1-col\" ><div class='pt-cv-ifield'><a href=\"https:\/\/www.dmsjuridica.com\/buscador_20179478954\/corteconstitucionalcronologico202454587\/t-475-95\/\" class=\"_self pt-cv-href-thumbnail pt-cv-thumb-default\" target=\"_self\" ><\/a>\n<div class=\"pt-cv-taxoterm above_title\"><a href='https:\/\/www.dmsjuridica.com\/buscador_20179478954\/corteconstitucionalcronologico202454587\/category\/buscar-en-toda-la-corte\/1995\/tutelas-1995\/' title='Tutelas 1995' class='pt-cv-tax-tutelas-1995'>Tutelas 1995<\/a><\/div>\n<h4 class=\"pt-cv-title\"><a href=\"https:\/\/www.dmsjuridica.com\/buscador_20179478954\/corteconstitucionalcronologico202454587\/t-475-95\/\" class=\"_self\" target=\"_self\" >T 475 95<\/a><\/h4>\n<div class=\"pt-cv-content\">T-475-95 CONCURSO DE MERITOS-Nombramiento de quien obtuvo el primer puesto Al comprender el proceso de selecci\u00f3n varias etapas como son la convocatoria, el reclutamiento, la aplicaci\u00f3n de pruebas o instrumentos de selecci\u00f3n, la conformaci\u00f3n de la lista de elegibles y el per\u00edodo de prueba; los factores de calificaci\u00f3n exigidos deben llenar y satisfacer la totalidad de los requerimientos se\u00f1alados por el ente nominador, para que pueda conllevar a la escogencia de la persona m\u00e1s id\u00f3nea para el correcto desempe\u00f1o del cargo. Esto implica que quien ocupe el primer lugar, es la persona que por sus m\u00e9ritos satisfizo de mejor manera ...<br \/><div class=\"pt-cv-rmwrap\"><a href=\"https:\/\/www.dmsjuridica.com\/buscador_20179478954\/corteconstitucionalcronologico202454587\/t-475-95\/\" class=\"_self pt-cv-readmore btn btn-success\" target=\"_self\">Ver Sentencia Completa...<\/a><\/div><\/div><\/div><\/div>\n<div class=\"col-md-12 col-sm-12 col-xs-12 pt-cv-content-item pt-cv-1-col\" ><div class='pt-cv-ifield'><a href=\"https:\/\/www.dmsjuridica.com\/buscador_20179478954\/corteconstitucionalcronologico202454587\/t-474-95\/\" class=\"_self pt-cv-href-thumbnail pt-cv-thumb-default\" target=\"_self\" ><\/a>\n<div class=\"pt-cv-taxoterm above_title\"><a href='https:\/\/www.dmsjuridica.com\/buscador_20179478954\/corteconstitucionalcronologico202454587\/category\/buscar-en-toda-la-corte\/1995\/tutelas-1995\/' title='Tutelas 1995' class='pt-cv-tax-tutelas-1995'>Tutelas 1995<\/a><\/div>\n<h4 class=\"pt-cv-title\"><a href=\"https:\/\/www.dmsjuridica.com\/buscador_20179478954\/corteconstitucionalcronologico202454587\/t-474-95\/\" class=\"_self\" target=\"_self\" >T 474 95<\/a><\/h4>\n<div class=\"pt-cv-content\">T-474-95 Sentencia No. T-474\/95 PERSONA JURIDICA-Titularidad de derechos fundamentales Queda establecida la legitimaci\u00f3n de las personas jur\u00eddicas para acudir al mecanismo de protecci\u00f3n de los derechos constitucionales fundamentales previsto en el art\u00edculo 86 de la Constituci\u00f3n Pol\u00edtica y, tal como aparece en los antecedentes de esta providencia, las sociedades actoras persiguen evitar que se realicen asambleas generales de copropietarios que no sean convocadas por el administrador o por la junta administradora legalmente inscrita ante la alcald\u00eda. CENTRO COMERCIAL GALERIAS-Copropietarios\/ASAMBLEA DE COPROPIETARIOS-Convocatoria irregular\/DERECHO DE ASOCIACION DE COPROPIETARIOS\/MEDIO DE DEFENSA JUDICIAL INEFICAZ-Copropietarios\/ACCION DE TUTELA CONTRA PARTICULARES-Copropietarios Es claro que a las sociedades ...<br \/><div class=\"pt-cv-rmwrap\"><a href=\"https:\/\/www.dmsjuridica.com\/buscador_20179478954\/corteconstitucionalcronologico202454587\/t-474-95\/\" class=\"_self pt-cv-readmore btn btn-success\" target=\"_self\">Ver Sentencia Completa...<\/a><\/div><\/div><\/div><\/div>\n<div class=\"col-md-12 col-sm-12 col-xs-12 pt-cv-content-item pt-cv-1-col\" ><div class='pt-cv-ifield'><a href=\"https:\/\/www.dmsjuridica.com\/buscador_20179478954\/corteconstitucionalcronologico202454587\/t-473-95\/\" class=\"_self pt-cv-href-thumbnail pt-cv-thumb-default\" target=\"_self\" ><\/a>\n<div class=\"pt-cv-taxoterm above_title\"><a href='https:\/\/www.dmsjuridica.com\/buscador_20179478954\/corteconstitucionalcronologico202454587\/category\/buscar-en-toda-la-corte\/1995\/tutelas-1995\/' title='Tutelas 1995' class='pt-cv-tax-tutelas-1995'>Tutelas 1995<\/a><\/div>\n<h4 class=\"pt-cv-title\"><a href=\"https:\/\/www.dmsjuridica.com\/buscador_20179478954\/corteconstitucionalcronologico202454587\/t-473-95\/\" class=\"_self\" target=\"_self\" >T 473 95<\/a><\/h4>\n<div class=\"pt-cv-content\">T-473-95 Sentencia No. T-473\/95 DERECHO A LA SALUD DEL INTERNO\/PRINCIPIO DE DIGNIDAD HUMANA DEL INTERNO No resulta conforme con las disposiciones constitucionales sobre derechos fundamentales, el tratamiento dado al interno, quien como persona humana goza de una serie de derechos reconocidos directamente por la Carta Pol\u00edtica, como el derecho a la salud, el derecho a la dignidad humana e incluso el derecho al libre desarrollo de la personalidad, entre otros; es claro, pues, que la pena impuesta a determinada persona por su accionar delictivo tiene unas funciones entre otras de resocializaci\u00f3n y rehabilitaci\u00f3n; y que si el interno desea, por ...<br \/><div class=\"pt-cv-rmwrap\"><a href=\"https:\/\/www.dmsjuridica.com\/buscador_20179478954\/corteconstitucionalcronologico202454587\/t-473-95\/\" class=\"_self pt-cv-readmore btn btn-success\" target=\"_self\">Ver Sentencia Completa...<\/a><\/div><\/div><\/div><\/div>\n<div class=\"col-md-12 col-sm-12 col-xs-12 pt-cv-content-item pt-cv-1-col\" ><div class='pt-cv-ifield'><a href=\"https:\/\/www.dmsjuridica.com\/buscador_20179478954\/corteconstitucionalcronologico202454587\/t-467-95\/\" class=\"_self pt-cv-href-thumbnail pt-cv-thumb-default\" target=\"_self\" ><\/a>\n<div class=\"pt-cv-taxoterm above_title\"><a href='https:\/\/www.dmsjuridica.com\/buscador_20179478954\/corteconstitucionalcronologico202454587\/category\/buscar-en-toda-la-corte\/1995\/tutelas-1995\/' title='Tutelas 1995' class='pt-cv-tax-tutelas-1995'>Tutelas 1995<\/a><\/div>\n<h4 class=\"pt-cv-title\"><a href=\"https:\/\/www.dmsjuridica.com\/buscador_20179478954\/corteconstitucionalcronologico202454587\/t-467-95\/\" class=\"_self\" target=\"_self\" >T 467 95<\/a><\/h4>\n<div class=\"pt-cv-content\">T-467-95 Sentencia No. T-467\/95 En lo que se refiere a las actuaciones administrativas, \u00e9stas deben ser el resultado de un proceso donde quien haga parte del mismo, tenga oportunidad de expresar sus opiniones e igualmente de presentar y solicitar las pruebas que demuestren sus derechos, con la plena observancia de las disposiciones que regulan la materia, respetando en todo caso los t\u00e9rminos y etapas procesales descritas. El debido proceso se vulnera cuando no se verifican los actos y procedimientos establecidos en la ley y los reglamentos. Se entiende que esta obligaci\u00f3n no s\u00f3lo cobija a las autoridades p\u00fablicas sino tambi\u00e9n ...<br \/><div class=\"pt-cv-rmwrap\"><a href=\"https:\/\/www.dmsjuridica.com\/buscador_20179478954\/corteconstitucionalcronologico202454587\/t-467-95\/\" class=\"_self pt-cv-readmore btn btn-success\" target=\"_self\">Ver Sentencia Completa...<\/a><\/div><\/div><\/div><\/div>\n<div class=\"col-md-12 col-sm-12 col-xs-12 pt-cv-content-item pt-cv-1-col\" ><div class='pt-cv-ifield'><a href=\"https:\/\/www.dmsjuridica.com\/buscador_20179478954\/corteconstitucionalcronologico202454587\/t-465-95\/\" class=\"_self pt-cv-href-thumbnail pt-cv-thumb-default\" target=\"_self\" ><\/a>\n<div class=\"pt-cv-taxoterm above_title\"><a href='https:\/\/www.dmsjuridica.com\/buscador_20179478954\/corteconstitucionalcronologico202454587\/category\/buscar-en-toda-la-corte\/1995\/tutelas-1995\/' title='Tutelas 1995' class='pt-cv-tax-tutelas-1995'>Tutelas 1995<\/a><\/div>\n<h4 class=\"pt-cv-title\"><a href=\"https:\/\/www.dmsjuridica.com\/buscador_20179478954\/corteconstitucionalcronologico202454587\/t-465-95\/\" class=\"_self\" target=\"_self\" >T 465 95<\/a><\/h4>\n<div class=\"pt-cv-content\">T-465-95 Sentencia No. T-465\/95 PRINCIPIO DE SEGURIDAD JURIDICA La acci\u00f3n de tutela no se estableci\u00f3 para desconocer las decisiones v\u00e1lidamente adoptadas por los jueces dentro de los procesos que conducen en ejercicio de sus competencias. Y, por lo mismo, no puede pretenderse que ella sea otra instancia para conseguir lo que no se logr\u00f3 en el tr\u00e1mite normal de un debido proceso. Sostener lo contrario implicar\u00eda atentar contra la seguridad jur\u00eddica, una de las finalidades del derecho. DEBIDO PROCESO-No uso del recurso\/MEDIO DE DEFENSA JUDICIAL-No uso del recurso\/RECURSO DE APELACION-Declaraci\u00f3n de desierto por no pago de copias Si se analiza ...<br \/><div class=\"pt-cv-rmwrap\"><a href=\"https:\/\/www.dmsjuridica.com\/buscador_20179478954\/corteconstitucionalcronologico202454587\/t-465-95\/\" class=\"_self pt-cv-readmore btn btn-success\" target=\"_self\">Ver Sentencia Completa...<\/a><\/div><\/div><\/div><\/div>\n<div class=\"col-md-12 col-sm-12 col-xs-12 pt-cv-content-item pt-cv-1-col\" ><div class='pt-cv-ifield'><a href=\"https:\/\/www.dmsjuridica.com\/buscador_20179478954\/corteconstitucionalcronologico202454587\/t-464-95\/\" class=\"_self pt-cv-href-thumbnail pt-cv-thumb-default\" target=\"_self\" ><\/a>\n<div class=\"pt-cv-taxoterm above_title\"><a href='https:\/\/www.dmsjuridica.com\/buscador_20179478954\/corteconstitucionalcronologico202454587\/category\/buscar-en-toda-la-corte\/1995\/tutelas-1995\/' title='Tutelas 1995' class='pt-cv-tax-tutelas-1995'>Tutelas 1995<\/a><\/div>\n<h4 class=\"pt-cv-title\"><a href=\"https:\/\/www.dmsjuridica.com\/buscador_20179478954\/corteconstitucionalcronologico202454587\/t-464-95\/\" class=\"_self\" target=\"_self\" >T 464 95<\/a><\/h4>\n<div class=\"pt-cv-content\">T-464-95 Sentencia No. T-464\/95 DERECHO DE PETICION-Notar\u00eda\/ACCION DE TUTELA CONTRA NOTARIO-Deber de responder Si se considera que los notarios son autoridades, es clara la obligaci\u00f3n de responder, pues es el primer evento que contempla el art\u00edculo 23 de la Constituci\u00f3n. Si se los considera como simples particulares que prestan un servicio publico, tambi\u00e9n est\u00e1n en la obligaci\u00f3n de resolver las peticiones, pues encajan en la situaci\u00f3n prevista en el inciso final del art\u00edculo 86 de la C.P., sobre la procedencia de la acci\u00f3n de tutela contra particulares encargados de un servicio p\u00fablico. La reclamaci\u00f3n de \u00edndole laboral de que ellos ...<br \/><div class=\"pt-cv-rmwrap\"><a href=\"https:\/\/www.dmsjuridica.com\/buscador_20179478954\/corteconstitucionalcronologico202454587\/t-464-95\/\" class=\"_self pt-cv-readmore btn btn-success\" target=\"_self\">Ver Sentencia Completa...<\/a><\/div><\/div><\/div><\/div>\n<div class=\"col-md-12 col-sm-12 col-xs-12 pt-cv-content-item pt-cv-1-col\" ><div class='pt-cv-ifield'><a href=\"https:\/\/www.dmsjuridica.com\/buscador_20179478954\/corteconstitucionalcronologico202454587\/t-463-95\/\" class=\"_self pt-cv-href-thumbnail pt-cv-thumb-default\" target=\"_self\" ><\/a>\n<div class=\"pt-cv-taxoterm above_title\"><a href='https:\/\/www.dmsjuridica.com\/buscador_20179478954\/corteconstitucionalcronologico202454587\/category\/buscar-en-toda-la-corte\/1995\/tutelas-1995\/' title='Tutelas 1995' class='pt-cv-tax-tutelas-1995'>Tutelas 1995<\/a><\/div>\n<h4 class=\"pt-cv-title\"><a href=\"https:\/\/www.dmsjuridica.com\/buscador_20179478954\/corteconstitucionalcronologico202454587\/t-463-95\/\" class=\"_self\" target=\"_self\" >T 463 95<\/a><\/h4>\n<div class=\"pt-cv-content\">T-463-95 Sentencia No. T-463\/95 PENSION DE JUBILACION PARA EXCONGRESISTA-Norma aplicable De conformidad con la ley, a partir de 1992 los excongresistas pensionados y los que accedan a dichos derechos o los sustituyan, devengar\u00e1n una mesada que no puede ser inferior al 75% del ingreso mensual promedio que durante el \u00faltimo a\u00f1o y por todo concepto perciba el congresista, y se aumentar\u00e1n en el mismo porcentaje en que se reajuste el salario m\u00ednimo legal; pero adem\u00e1s, tambi\u00e9n es claro que el reajuste de la mesada de los pensionados no puede resultar inferior para cada a\u00f1o, al mismo 75% y que su ...<br \/><div class=\"pt-cv-rmwrap\"><a href=\"https:\/\/www.dmsjuridica.com\/buscador_20179478954\/corteconstitucionalcronologico202454587\/t-463-95\/\" class=\"_self pt-cv-readmore btn btn-success\" target=\"_self\">Ver Sentencia Completa...<\/a><\/div><\/div><\/div><\/div>\n<div class=\"col-md-12 col-sm-12 col-xs-12 pt-cv-content-item pt-cv-1-col\" ><div class='pt-cv-ifield'><a href=\"https:\/\/www.dmsjuridica.com\/buscador_20179478954\/corteconstitucionalcronologico202454587\/t-462-95\/\" class=\"_self pt-cv-href-thumbnail pt-cv-thumb-default\" target=\"_self\" ><\/a>\n<div class=\"pt-cv-taxoterm above_title\"><a href='https:\/\/www.dmsjuridica.com\/buscador_20179478954\/corteconstitucionalcronologico202454587\/category\/buscar-en-toda-la-corte\/1995\/tutelas-1995\/' title='Tutelas 1995' class='pt-cv-tax-tutelas-1995'>Tutelas 1995<\/a><\/div>\n<h4 class=\"pt-cv-title\"><a href=\"https:\/\/www.dmsjuridica.com\/buscador_20179478954\/corteconstitucionalcronologico202454587\/t-462-95\/\" class=\"_self\" target=\"_self\" >T 462 95<\/a><\/h4>\n<div class=\"pt-cv-content\">T-462-95 Sentencia No. T-462\/95 MEDIO DE DEFENSA JUDICIAL-Suplantaci\u00f3n de persona\/PARTIDA DE BAUTISMO-Suplantaci\u00f3n de persona Como el peticionario de la tutela no se encuentra conforme con el pronunciamiento de la Fiscal\u00eda sobre el particular, le asiste el derecho de solicitar la revocaci\u00f3n de la resoluci\u00f3n inhibitoria, y obtener que se produzca resoluci\u00f3n acusatoria y que se tramite el juicio penal correspondiente, que conduzca no solamente a establecer la responsabilidad de los que resulten culpables del il\u00edcito, sino a lograr, consecuentemente, la cancelaci\u00f3n de la inscripci\u00f3n en su partida de bautismo. Es de competencia de la justicia penal ordinaria de manera aut\u00f3noma ...<br \/><div class=\"pt-cv-rmwrap\"><a href=\"https:\/\/www.dmsjuridica.com\/buscador_20179478954\/corteconstitucionalcronologico202454587\/t-462-95\/\" class=\"_self pt-cv-readmore btn btn-success\" target=\"_self\">Ver Sentencia Completa...<\/a><\/div><\/div><\/div><\/div>\n<div class=\"col-md-12 col-sm-12 col-xs-12 pt-cv-content-item pt-cv-1-col\" ><div class='pt-cv-ifield'><a href=\"https:\/\/www.dmsjuridica.com\/buscador_20179478954\/corteconstitucionalcronologico202454587\/t-458-95\/\" class=\"_self pt-cv-href-thumbnail pt-cv-thumb-default\" target=\"_self\" ><\/a>\n<div class=\"pt-cv-taxoterm above_title\"><a href='https:\/\/www.dmsjuridica.com\/buscador_20179478954\/corteconstitucionalcronologico202454587\/category\/buscar-en-toda-la-corte\/1995\/tutelas-1995\/' title='Tutelas 1995' class='pt-cv-tax-tutelas-1995'>Tutelas 1995<\/a><\/div>\n<h4 class=\"pt-cv-title\"><a href=\"https:\/\/www.dmsjuridica.com\/buscador_20179478954\/corteconstitucionalcronologico202454587\/t-458-95\/\" class=\"_self\" target=\"_self\" >T 458 95<\/a><\/h4>\n<div class=\"pt-cv-content\">T-458-95 Sentencia No. T-458\/95 ACCION DE TUTELA CONTRA PARTICULARES-Padre alcoh\u00f3lico\/INDEFENSION-Padre alcoh\u00f3lico Para los hijos la indefensi\u00f3n se presume y para la esposa se deduce del consuetudinario estado de embriaguez en que vive el demandado, lo cual ha significado una alteraci\u00f3n en la forma de vivir de la solicitante y sus hijos, hay disfuncionalidad del hogar y hasta el mismo hecho de que la demandante y sus hijos vivan donde la familia del c\u00f3nyuge y esta familia no se aguante la conducta de su hijo, es indicativo de que es muy tensa la situaci\u00f3n. DERECHO A LA VIDA-Padre alcoh\u00f3lico\/DERECHO A LA ...<br \/><div class=\"pt-cv-rmwrap\"><a href=\"https:\/\/www.dmsjuridica.com\/buscador_20179478954\/corteconstitucionalcronologico202454587\/t-458-95\/\" class=\"_self pt-cv-readmore btn btn-success\" target=\"_self\">Ver Sentencia Completa...<\/a><\/div><\/div><\/div><\/div>\n<div class=\"col-md-12 col-sm-12 col-xs-12 pt-cv-content-item pt-cv-1-col\" ><div class='pt-cv-ifield'><a href=\"https:\/\/www.dmsjuridica.com\/buscador_20179478954\/corteconstitucionalcronologico202454587\/t-457-95\/\" class=\"_self pt-cv-href-thumbnail pt-cv-thumb-default\" target=\"_self\" ><\/a>\n<div class=\"pt-cv-taxoterm above_title\"><a href='https:\/\/www.dmsjuridica.com\/buscador_20179478954\/corteconstitucionalcronologico202454587\/category\/buscar-en-toda-la-corte\/1995\/tutelas-1995\/' title='Tutelas 1995' class='pt-cv-tax-tutelas-1995'>Tutelas 1995<\/a><\/div>\n<h4 class=\"pt-cv-title\"><a href=\"https:\/\/www.dmsjuridica.com\/buscador_20179478954\/corteconstitucionalcronologico202454587\/t-457-95\/\" class=\"_self\" target=\"_self\" >T 457 95<\/a><\/h4>\n<div class=\"pt-cv-content\">T-457-95 Sentencia No. T-457\/95 Trat\u00e1ndose de particulares, la tutela s\u00f3lo es admisible en los casos del art\u00edculo 42 del Decreto 2591 de 1991 y, s\u00f3lo remotamente pudiera pensarse en la circunstancia del numeral 9\u00ba de tal art\u00edculo, pero en el presente caso se trata de personas de edad, sin relaci\u00f3n alguna de subordinaci\u00f3n ni de indefensi\u00f3n entre ellos, luego no cabe la acci\u00f3n. Adem\u00e1s, la petici\u00f3n hecha por la solicitante se orienta a lograr que las autoridades policivas ejerzan una vigilancia permanente sobre Jim\u00e9nez y ocurre que la tutela no se dirigi\u00f3 contra dichas autoridades. DERECHO A LA VIDA-Disgustos entre ...<br \/><div class=\"pt-cv-rmwrap\"><a href=\"https:\/\/www.dmsjuridica.com\/buscador_20179478954\/corteconstitucionalcronologico202454587\/t-457-95\/\" class=\"_self pt-cv-readmore btn btn-success\" target=\"_self\">Ver Sentencia Completa...<\/a><\/div><\/div><\/div><\/div>\n<div class=\"col-md-12 col-sm-12 col-xs-12 pt-cv-content-item pt-cv-1-col\" ><div class='pt-cv-ifield'><a href=\"https:\/\/www.dmsjuridica.com\/buscador_20179478954\/corteconstitucionalcronologico202454587\/t-456-95\/\" class=\"_self pt-cv-href-thumbnail pt-cv-thumb-default\" target=\"_self\" ><\/a>\n<div class=\"pt-cv-taxoterm above_title\"><a href='https:\/\/www.dmsjuridica.com\/buscador_20179478954\/corteconstitucionalcronologico202454587\/category\/buscar-en-toda-la-corte\/1995\/tutelas-1995\/' title='Tutelas 1995' class='pt-cv-tax-tutelas-1995'>Tutelas 1995<\/a><\/div>\n<h4 class=\"pt-cv-title\"><a href=\"https:\/\/www.dmsjuridica.com\/buscador_20179478954\/corteconstitucionalcronologico202454587\/t-456-95\/\" class=\"_self\" target=\"_self\" >T 456 95<\/a><\/h4>\n<div class=\"pt-cv-content\">T-456-95 Sentencia No. T-456\/95 ACCION DE TUTELA TEMERARIA-Inexistencia por diferentes actores\/ACCION DE TUTELA INTERPUESTA POR MENOR Respet\u00e1ndose la autonom\u00eda de la peticionaria, se entrar\u00e1 a estudiar la presente tutela as\u00ed hubiere un fallo anterior, pero con diferentes solicitantes. Adem\u00e1s, por el n\u00famero de la tarjeta de identidad se deduce que la joven naci\u00f3 en 1979, luego es una ni\u00f1a consciente de sus actos, sin que para hacer respetar sus derechos fundamentales deba acogerse a la patria potestad. Cualquier persona puede instaurar la tutela, sin distingo de edad. COMPETENCIA DEL JUEZ DE TUTELA-Licencia de establecimiento En cuanto a si por medio ...<br \/><div class=\"pt-cv-rmwrap\"><a href=\"https:\/\/www.dmsjuridica.com\/buscador_20179478954\/corteconstitucionalcronologico202454587\/t-456-95\/\" class=\"_self pt-cv-readmore btn btn-success\" target=\"_self\">Ver Sentencia Completa...<\/a><\/div><\/div><\/div><\/div>\n<div class=\"col-md-12 col-sm-12 col-xs-12 pt-cv-content-item pt-cv-1-col\" ><div class='pt-cv-ifield'><a href=\"https:\/\/www.dmsjuridica.com\/buscador_20179478954\/corteconstitucionalcronologico202454587\/t-455-95\/\" class=\"_self pt-cv-href-thumbnail pt-cv-thumb-default\" target=\"_self\" ><\/a>\n<div class=\"pt-cv-taxoterm above_title\"><a href='https:\/\/www.dmsjuridica.com\/buscador_20179478954\/corteconstitucionalcronologico202454587\/category\/buscar-en-toda-la-corte\/1995\/tutelas-1995\/' title='Tutelas 1995' class='pt-cv-tax-tutelas-1995'>Tutelas 1995<\/a><\/div>\n<h4 class=\"pt-cv-title\"><a href=\"https:\/\/www.dmsjuridica.com\/buscador_20179478954\/corteconstitucionalcronologico202454587\/t-455-95\/\" class=\"_self\" target=\"_self\" >T 455 95<\/a><\/h4>\n<div class=\"pt-cv-content\">T-455-95 Sentencia No. T-455\/95 CUMPLIMIENTO DE SENTENCIA LABORAL-Responsabilidad subsidiaria Si la denominaci\u00f3n del Ministerio ha cambiado, ello no es justificaci\u00f3n para eludir una obligaci\u00f3n laboral, m\u00e1xime cuando la demanda se dirigi\u00f3 contra la Naci\u00f3n. ACCION DE TUTELA PARA CUMPLIMIENTO DE SENTENCIAS-No reintegro\/DERECHO AL TRABAJO-Vulneraci\u00f3n por no reintegro\/DERECHO DE ACCESO A LA ADMINISTRACION DE JUSTICIA-Vulneraci\u00f3n por no reintegro\/REINTEGRO AL CARGO-Incumplimiento Se afirma que el demandante no ha sido reintegrado. Su reinstalaci\u00f3n obedece a una sentencia judicial. No puede eludirse la determinaci\u00f3n de los jueces de las dos instancias que han creado no s\u00f3lo un derecho adquirido sino que hacen viable otros ...<br \/><div class=\"pt-cv-rmwrap\"><a href=\"https:\/\/www.dmsjuridica.com\/buscador_20179478954\/corteconstitucionalcronologico202454587\/t-455-95\/\" class=\"_self pt-cv-readmore btn btn-success\" target=\"_self\">Ver Sentencia Completa...<\/a><\/div><\/div><\/div><\/div>\n<div class=\"col-md-12 col-sm-12 col-xs-12 pt-cv-content-item pt-cv-1-col\" ><div class='pt-cv-ifield'><a href=\"https:\/\/www.dmsjuridica.com\/buscador_20179478954\/corteconstitucionalcronologico202454587\/t-454-95\/\" class=\"_self pt-cv-href-thumbnail pt-cv-thumb-default\" target=\"_self\" ><\/a>\n<div class=\"pt-cv-taxoterm above_title\"><a href='https:\/\/www.dmsjuridica.com\/buscador_20179478954\/corteconstitucionalcronologico202454587\/category\/buscar-en-toda-la-corte\/1995\/tutelas-1995\/' title='Tutelas 1995' class='pt-cv-tax-tutelas-1995'>Tutelas 1995<\/a><\/div>\n<h4 class=\"pt-cv-title\"><a href=\"https:\/\/www.dmsjuridica.com\/buscador_20179478954\/corteconstitucionalcronologico202454587\/t-454-95\/\" class=\"_self\" target=\"_self\" >T 454 95<\/a><\/h4>\n<div class=\"pt-cv-content\">T-454-95 Sentencia No. T-454\/95 LIBERTAD DE CULTOS-L\u00edmites a su difusi\u00f3n En el espec\u00edfico caso del ejercicio de un determinado culto, en \u00e9ste s\u00f3lo se puede producir sonido hasta el l\u00edmite espacio-temporal fijado. La anterior limitaci\u00f3n de magnitud parte de la existencia de un \u00e1mbito de acci\u00f3n permitido para el mencionado derecho, en el cual su despliegue no causa violaci\u00f3n o amenaza de los derechos de los otros, porque se encontrar\u00eda dentro de la carga que comporta la vida en sociedad, pero si supera el marco fijado vulnera el contenido esencial del derecho a la intimidad de la persona que soporta ...<br \/><div class=\"pt-cv-rmwrap\"><a href=\"https:\/\/www.dmsjuridica.com\/buscador_20179478954\/corteconstitucionalcronologico202454587\/t-454-95\/\" class=\"_self pt-cv-readmore btn btn-success\" target=\"_self\">Ver Sentencia Completa...<\/a><\/div><\/div><\/div><\/div>\n<div class=\"col-md-12 col-sm-12 col-xs-12 pt-cv-content-item pt-cv-1-col\" ><div class='pt-cv-ifield'><a href=\"https:\/\/www.dmsjuridica.com\/buscador_20179478954\/corteconstitucionalcronologico202454587\/t-453-95\/\" class=\"_self pt-cv-href-thumbnail pt-cv-thumb-default\" target=\"_self\" ><\/a>\n<div class=\"pt-cv-taxoterm above_title\"><a href='https:\/\/www.dmsjuridica.com\/buscador_20179478954\/corteconstitucionalcronologico202454587\/category\/buscar-en-toda-la-corte\/1995\/tutelas-1995\/' title='Tutelas 1995' class='pt-cv-tax-tutelas-1995'>Tutelas 1995<\/a><\/div>\n<h4 class=\"pt-cv-title\"><a href=\"https:\/\/www.dmsjuridica.com\/buscador_20179478954\/corteconstitucionalcronologico202454587\/t-453-95\/\" class=\"_self\" target=\"_self\" >T 453 95<\/a><\/h4>\n<div class=\"pt-cv-content\">T-453-95 Sentencia No. T-453\/95 DERECHO DE PETICION-Alcance Las respuestas de las autoridades a las peticiones respetuosas elevadas por las personas en inter\u00e9s privado o general no solamente deben ser oportunas sino sustanciales, es decir, deben resolver, en la medida de la competencia del organismo o servidor p\u00fablico correspondiente, sobre el asunto planteado en la solicitud, si bien es claro que la resoluci\u00f3n no tiene que ser favorable al solicitante. Si la administraci\u00f3n requiere elementos de juicio para decidir acerca del objeto de una petici\u00f3n, el solicitante no le puede exigir una resoluci\u00f3n inmediata, pues \u00e9sta se supedita a los resultados ...<br \/><div class=\"pt-cv-rmwrap\"><a href=\"https:\/\/www.dmsjuridica.com\/buscador_20179478954\/corteconstitucionalcronologico202454587\/t-453-95\/\" class=\"_self pt-cv-readmore btn btn-success\" target=\"_self\">Ver Sentencia Completa...<\/a><\/div><\/div><\/div><\/div>\n<div class=\"col-md-12 col-sm-12 col-xs-12 pt-cv-content-item pt-cv-1-col\" ><div class='pt-cv-ifield'><a href=\"https:\/\/www.dmsjuridica.com\/buscador_20179478954\/corteconstitucionalcronologico202454587\/t-443-95\/\" class=\"_self pt-cv-href-thumbnail pt-cv-thumb-default\" target=\"_self\" ><\/a>\n<div class=\"pt-cv-taxoterm above_title\"><a href='https:\/\/www.dmsjuridica.com\/buscador_20179478954\/corteconstitucionalcronologico202454587\/category\/buscar-en-toda-la-corte\/1995\/tutelas-1995\/' title='Tutelas 1995' class='pt-cv-tax-tutelas-1995'>Tutelas 1995<\/a><\/div>\n<h4 class=\"pt-cv-title\"><a href=\"https:\/\/www.dmsjuridica.com\/buscador_20179478954\/corteconstitucionalcronologico202454587\/t-443-95\/\" class=\"_self\" target=\"_self\" >T 443 95<\/a><\/h4>\n<div class=\"pt-cv-content\">T-443-95 Sentencia No. T-443\/95 PRINCIPIO NEMO AUDITUR PROPIAM TURPITUDINEM ALLEGANS El demandante reconoce ser cierto lo afirmado por su inisual defensor: El Personero. Es decir, acepta su reconocida y publicitada conducta lasciva, especialmente con sus compa\u00f1eras de colegio, rechaza el cambio de jornada que las directivas le fijaron para que pudiera trabajar, alega que \"mucho menos se lo puede obligar a buscar trabajo\" y reconoce ser el autor del embarazo de una de las estudiantes. Luego lo que ha debido hacer el personero era buscar la protecci\u00f3n del ni\u00f1o por nacer y no pretender darle piso legal a la irresponsabilidad ...<br \/><div class=\"pt-cv-rmwrap\"><a href=\"https:\/\/www.dmsjuridica.com\/buscador_20179478954\/corteconstitucionalcronologico202454587\/t-443-95\/\" class=\"_self pt-cv-readmore btn btn-success\" target=\"_self\">Ver Sentencia Completa...<\/a><\/div><\/div><\/div><\/div>\n<div class=\"col-md-12 col-sm-12 col-xs-12 pt-cv-content-item pt-cv-1-col\" ><div class='pt-cv-ifield'><a href=\"https:\/\/www.dmsjuridica.com\/buscador_20179478954\/corteconstitucionalcronologico202454587\/t-442-95\/\" class=\"_self pt-cv-href-thumbnail pt-cv-thumb-default\" target=\"_self\" ><\/a>\n<div class=\"pt-cv-taxoterm above_title\"><a href='https:\/\/www.dmsjuridica.com\/buscador_20179478954\/corteconstitucionalcronologico202454587\/category\/buscar-en-toda-la-corte\/1995\/tutelas-1995\/' title='Tutelas 1995' class='pt-cv-tax-tutelas-1995'>Tutelas 1995<\/a><\/div>\n<h4 class=\"pt-cv-title\"><a href=\"https:\/\/www.dmsjuridica.com\/buscador_20179478954\/corteconstitucionalcronologico202454587\/t-442-95\/\" class=\"_self\" target=\"_self\" >T 442 95<\/a><\/h4>\n<div class=\"pt-cv-content\">T-442-95 Sentencia No. T-442\/95 DERECHO A LA EDUCACION-Retiro voluntario por embarazo\/ESTUDIANTE EMBARAZADA Se ha dicho que no se puede retirar de un colegio o universidad a la estudiante embarazada porque esto atenta contra la autonom\u00eda de la futura madre. Pero otra cosa muy distinta es cuando la propia progenitora de la alumna solicita y firma la cancelaci\u00f3n de la matr\u00edcula de su hija, d\u00edas antes de instaurar la acci\u00f3n de amparo. REF: Expediente N\u00ba72938 Peticionario: Sof\u00eda Ortiz Lancilla Procedencia: Juzgado Segundo Penal del Circuito de la Plata (Huila). Magistrado Ponente: ALEJANDRO MARTINEZ CABALLERO Santa Fe de Bogot\u00e1 , D.C., tres ...<br \/><div class=\"pt-cv-rmwrap\"><a href=\"https:\/\/www.dmsjuridica.com\/buscador_20179478954\/corteconstitucionalcronologico202454587\/t-442-95\/\" class=\"_self pt-cv-readmore btn btn-success\" target=\"_self\">Ver Sentencia Completa...<\/a><\/div><\/div><\/div><\/div>\n<div class=\"col-md-12 col-sm-12 col-xs-12 pt-cv-content-item pt-cv-1-col\" ><div class='pt-cv-ifield'><a href=\"https:\/\/www.dmsjuridica.com\/buscador_20179478954\/corteconstitucionalcronologico202454587\/t-441-95\/\" class=\"_self pt-cv-href-thumbnail pt-cv-thumb-default\" target=\"_self\" ><\/a>\n<div class=\"pt-cv-taxoterm above_title\"><a href='https:\/\/www.dmsjuridica.com\/buscador_20179478954\/corteconstitucionalcronologico202454587\/category\/buscar-en-toda-la-corte\/1995\/tutelas-1995\/' title='Tutelas 1995' class='pt-cv-tax-tutelas-1995'>Tutelas 1995<\/a><\/div>\n<h4 class=\"pt-cv-title\"><a href=\"https:\/\/www.dmsjuridica.com\/buscador_20179478954\/corteconstitucionalcronologico202454587\/t-441-95\/\" class=\"_self\" target=\"_self\" >T 441 95<\/a><\/h4>\n<div class=\"pt-cv-content\">T-441-95 Sentencia No. T-441\/95 ARCHIPIELAGO DE SAN ANDRES-Control poblacional\/DERECHO A LA EDUCACION-L\u00edmite por control poblacional\/DERECHO A LA FAMILIA-L\u00edmite por control poblacional No existe en expediene prueba alguna que permita afirmar que la Oficina de control de circulaci\u00f3n y residencia haya violado o amenazado los derechos fundamentales de la actora y su hermana. Antes bien, el acervo probatorio indica que fue el comportamiento ilegal e injustificado de la madre de las menores, el que las puso en la situaci\u00f3n de sufrir el perjuicio de una interrupci\u00f3n abrupta de sus estudios. As\u00ed, la acci\u00f3n de tutela no es procedente, a\u00fan siendo invocada ...<br \/><div class=\"pt-cv-rmwrap\"><a href=\"https:\/\/www.dmsjuridica.com\/buscador_20179478954\/corteconstitucionalcronologico202454587\/t-441-95\/\" class=\"_self pt-cv-readmore btn btn-success\" target=\"_self\">Ver Sentencia Completa...<\/a><\/div><\/div><\/div><\/div>\n<div class=\"col-md-12 col-sm-12 col-xs-12 pt-cv-content-item pt-cv-1-col\" ><div class='pt-cv-ifield'><a href=\"https:\/\/www.dmsjuridica.com\/buscador_20179478954\/corteconstitucionalcronologico202454587\/t-440-95\/\" class=\"_self pt-cv-href-thumbnail pt-cv-thumb-default\" target=\"_self\" ><\/a>\n<div class=\"pt-cv-taxoterm above_title\"><a href='https:\/\/www.dmsjuridica.com\/buscador_20179478954\/corteconstitucionalcronologico202454587\/category\/buscar-en-toda-la-corte\/1995\/tutelas-1995\/' title='Tutelas 1995' class='pt-cv-tax-tutelas-1995'>Tutelas 1995<\/a><\/div>\n<h4 class=\"pt-cv-title\"><a href=\"https:\/\/www.dmsjuridica.com\/buscador_20179478954\/corteconstitucionalcronologico202454587\/t-440-95\/\" class=\"_self\" target=\"_self\" >T 440 95<\/a><\/h4>\n<div class=\"pt-cv-content\">T-440-95 Sentencia No. T-440\/95 DERECHO A LA PROPIEDAD-Fundamental por conexidad El derecho de propiedad en cabeza del peticionario, en las circunstancias y condiciones en que aparece alegado, no aparece vinculado con un derecho fundamental; por lo tanto, en el caso concreto no tiene este car\u00e1cter. DERECHO A LA IGUALDAD-Protecci\u00f3n constitucional No todo problema originado en la supuesta vulneraci\u00f3n del derecho a la igualdad debe ser dilucidado y solucionado a trav\u00e9s de la acci\u00f3n de tutela, pues \u00e9sta exige fundamentalmente que el asunto tenga raigambre e importancia constitucional. Frecuentemente se presentan problemas atinentes al derecho a la igualdad que tienen su ...<br \/><div class=\"pt-cv-rmwrap\"><a href=\"https:\/\/www.dmsjuridica.com\/buscador_20179478954\/corteconstitucionalcronologico202454587\/t-440-95\/\" class=\"_self pt-cv-readmore btn btn-success\" target=\"_self\">Ver Sentencia Completa...<\/a><\/div><\/div><\/div><\/div>\n<div class=\"col-md-12 col-sm-12 col-xs-12 pt-cv-content-item pt-cv-1-col\" ><div class='pt-cv-ifield'><a href=\"https:\/\/www.dmsjuridica.com\/buscador_20179478954\/corteconstitucionalcronologico202454587\/t-439-95\/\" class=\"_self pt-cv-href-thumbnail pt-cv-thumb-default\" target=\"_self\" ><\/a>\n<div class=\"pt-cv-taxoterm above_title\"><a href='https:\/\/www.dmsjuridica.com\/buscador_20179478954\/corteconstitucionalcronologico202454587\/category\/buscar-en-toda-la-corte\/1995\/tutelas-1995\/' title='Tutelas 1995' class='pt-cv-tax-tutelas-1995'>Tutelas 1995<\/a><\/div>\n<h4 class=\"pt-cv-title\"><a href=\"https:\/\/www.dmsjuridica.com\/buscador_20179478954\/corteconstitucionalcronologico202454587\/t-439-95\/\" class=\"_self\" target=\"_self\" >T 439 95<\/a><\/h4>\n<div class=\"pt-cv-content\">T-439-95 Sentencia No. T-439\/95 DERECHOS FUNDAMENTALES-Principales por naturaleza Cabe recordarle a la autoridad renuente que la Constituci\u00f3n, que jur\u00f3 cumplir y defender al tomar posesi\u00f3n del cargo que hoy ocupa, funda la organizaci\u00f3n republicana del Estado colombiano en \"el respeto de la dignidad humana\", consagra como fin estatal la efectividad de los derechos y encarga a las autoridades de \"proteger a todas las personas residentes en Colombia, en su vida, honra, bienes y dem\u00e1s derechos y libertades...\". As\u00ed las cosas, el ejercicio de un derecho no puede, bajo ninguna circunstancia, estimarse por una autoridad, vinculada a la Constituci\u00f3n y a ...<br \/><div class=\"pt-cv-rmwrap\"><a href=\"https:\/\/www.dmsjuridica.com\/buscador_20179478954\/corteconstitucionalcronologico202454587\/t-439-95\/\" class=\"_self pt-cv-readmore btn btn-success\" target=\"_self\">Ver Sentencia Completa...<\/a><\/div><\/div><\/div><\/div>\n<div class=\"col-md-12 col-sm-12 col-xs-12 pt-cv-content-item pt-cv-1-col\" ><div class='pt-cv-ifield'><a href=\"https:\/\/www.dmsjuridica.com\/buscador_20179478954\/corteconstitucionalcronologico202454587\/t-438-95\/\" class=\"_self pt-cv-href-thumbnail pt-cv-thumb-default\" target=\"_self\" ><\/a>\n<div class=\"pt-cv-taxoterm above_title\"><a href='https:\/\/www.dmsjuridica.com\/buscador_20179478954\/corteconstitucionalcronologico202454587\/category\/buscar-en-toda-la-corte\/1995\/tutelas-1995\/' title='Tutelas 1995' class='pt-cv-tax-tutelas-1995'>Tutelas 1995<\/a><\/div>\n<h4 class=\"pt-cv-title\"><a href=\"https:\/\/www.dmsjuridica.com\/buscador_20179478954\/corteconstitucionalcronologico202454587\/t-438-95\/\" class=\"_self\" target=\"_self\" >T 438 95<\/a><\/h4>\n<div class=\"pt-cv-content\">T-438-95 Sentencia No. T-438\/95 DERECHOS DE PERSONA DE LA TERCERA EDAD-Pago oportuno de pensiones\/MESADA PENSIONAL-Pago oportuno\/MEDIO DE DEFENSA JUDICIAL INEFICAZ-Pago oportuno de mesadas pensionales\/DERECHO A LA SUBSISTENCIA-Pago oportuno de pensiones Los demandantes ostentan la calidad de pensionados del municipio, cuya remuneraci\u00f3n es el \u00fanico sustento, dado su estado avanzado de edad, lo cual los coloca en condiciones de debilidad manifiesta, adem\u00e1s ponderadas las condiciones espec\u00edficas del caso, someter a los actores a dilatados tr\u00e1mites de procesos ejecutivos laborales implicar\u00eda la prolongaci\u00f3n de sus circunstancias desfavorables al pleno y cabal disfrute de sus derechos adquiridos a gozar de una pensi\u00f3n vitalicia ...<br \/><div class=\"pt-cv-rmwrap\"><a href=\"https:\/\/www.dmsjuridica.com\/buscador_20179478954\/corteconstitucionalcronologico202454587\/t-438-95\/\" class=\"_self pt-cv-readmore btn btn-success\" target=\"_self\">Ver Sentencia Completa...<\/a><\/div><\/div><\/div><\/div>\n<div class=\"col-md-12 col-sm-12 col-xs-12 pt-cv-content-item pt-cv-1-col\" ><div class='pt-cv-ifield'><a href=\"https:\/\/www.dmsjuridica.com\/buscador_20179478954\/corteconstitucionalcronologico202454587\/t-437-95\/\" class=\"_self pt-cv-href-thumbnail pt-cv-thumb-default\" target=\"_self\" ><\/a>\n<div class=\"pt-cv-taxoterm above_title\"><a href='https:\/\/www.dmsjuridica.com\/buscador_20179478954\/corteconstitucionalcronologico202454587\/category\/buscar-en-toda-la-corte\/1995\/tutelas-1995\/' title='Tutelas 1995' class='pt-cv-tax-tutelas-1995'>Tutelas 1995<\/a><\/div>\n<h4 class=\"pt-cv-title\"><a href=\"https:\/\/www.dmsjuridica.com\/buscador_20179478954\/corteconstitucionalcronologico202454587\/t-437-95\/\" class=\"_self\" target=\"_self\" >T 437 95<\/a><\/h4>\n<div class=\"pt-cv-content\">T-437-95 Sentencia No. T-437\/95 DERECHOS DE PERSONA DE LA TERCERA EDAD-Pago oportuno de pensiones\/MESADA PENSIONAL-Pago oportuno\/MEDIO DE DEFENSA JUDICIAL INEFICAZ-Pago oportuno de mesadas pensionales\/DERECHO A LA SUBSISTENCIA-Pago oportuno de pensiones El demandante, cuenta con 67 a\u00f1os de edad, fue desvinculado por llegar a la edad de retiro forzoso, sostiene una familia compuesta por once miembros, ocho de los cuales son menores de edad, hechos ante los cuales el juez de tutela no puede ser indiferente, puesto que se trata de la situaci\u00f3n de un pensionado que merece una protecci\u00f3n especial debido a las condiciones y circunstancias que lo colocan en ...<br \/><div class=\"pt-cv-rmwrap\"><a href=\"https:\/\/www.dmsjuridica.com\/buscador_20179478954\/corteconstitucionalcronologico202454587\/t-437-95\/\" class=\"_self pt-cv-readmore btn btn-success\" target=\"_self\">Ver Sentencia Completa...<\/a><\/div><\/div><\/div><\/div>\n<div class=\"col-md-12 col-sm-12 col-xs-12 pt-cv-content-item pt-cv-1-col\" ><div class='pt-cv-ifield'><a href=\"https:\/\/www.dmsjuridica.com\/buscador_20179478954\/corteconstitucionalcronologico202454587\/t-436-95\/\" class=\"_self pt-cv-href-thumbnail pt-cv-thumb-default\" target=\"_self\" ><\/a>\n<div class=\"pt-cv-taxoterm above_title\"><a href='https:\/\/www.dmsjuridica.com\/buscador_20179478954\/corteconstitucionalcronologico202454587\/category\/buscar-en-toda-la-corte\/1995\/tutelas-1995\/' title='Tutelas 1995' class='pt-cv-tax-tutelas-1995'>Tutelas 1995<\/a><\/div>\n<h4 class=\"pt-cv-title\"><a href=\"https:\/\/www.dmsjuridica.com\/buscador_20179478954\/corteconstitucionalcronologico202454587\/t-436-95\/\" class=\"_self\" target=\"_self\" >T 436 95<\/a><\/h4>\n<div class=\"pt-cv-content\">T-436-95 Sentencia No. T-436\/95 ACCION DE TUTELA CONTRA PARTICULARES-Maltrato f\u00edsico\/INDEFENSION-Maltrato f\u00edsico\/DERECHO A LA VIDA-Maltrato f\u00edsico\/DERECHO A LA INTEGRIDAD PERSONAL-Maltrato f\u00edsico\/MALTRATO CONYUGAL Se trata de proteger a una persona que ha sido puesta por el ejercicio de la fuerza reiterada y habitual, dentro de su hogar de residencia y en el \u00e1mbito familiar, en condiciones de indefensi\u00f3n respecto de quien se interpuso la acci\u00f3n, como quiera que se trata de un conjunto de relaciones de car\u00e1cter familiar dom\u00e9stico en el que el marido coloc\u00e1ndose en situaci\u00f3n de superioridad f\u00edsica abusa de su presencia en el hogar, desplegando su fuerza habitual para ...<br \/><div class=\"pt-cv-rmwrap\"><a href=\"https:\/\/www.dmsjuridica.com\/buscador_20179478954\/corteconstitucionalcronologico202454587\/t-436-95\/\" class=\"_self pt-cv-readmore btn btn-success\" target=\"_self\">Ver Sentencia Completa...<\/a><\/div><\/div><\/div><\/div>\n<div class=\"col-md-12 col-sm-12 col-xs-12 pt-cv-content-item pt-cv-1-col\" ><div class='pt-cv-ifield'><a href=\"https:\/\/www.dmsjuridica.com\/buscador_20179478954\/corteconstitucionalcronologico202454587\/t-435-95\/\" class=\"_self pt-cv-href-thumbnail pt-cv-thumb-default\" target=\"_self\" ><\/a>\n<div class=\"pt-cv-taxoterm above_title\"><a href='https:\/\/www.dmsjuridica.com\/buscador_20179478954\/corteconstitucionalcronologico202454587\/category\/buscar-en-toda-la-corte\/1995\/tutelas-1995\/' title='Tutelas 1995' class='pt-cv-tax-tutelas-1995'>Tutelas 1995<\/a><\/div>\n<h4 class=\"pt-cv-title\"><a href=\"https:\/\/www.dmsjuridica.com\/buscador_20179478954\/corteconstitucionalcronologico202454587\/t-435-95\/\" class=\"_self\" target=\"_self\" >T 435 95<\/a><\/h4>\n<div class=\"pt-cv-content\">T-435-95 FISCALIA GENERAL DE LA NACION-Controversia sobre r\u00e9gimen salarial\/DERECHOS DE RANGO LEGAL-Controversia sobre r\u00e9gimen salarial El conflicto planteado en el caso sub examine en cuanto a la naturaleza de la controversia, no es de car\u00e1cter constitucional, sino tipicamente legal, que se resume en la aplicaci\u00f3n de normas jur\u00eddicas relativas al r\u00e9gimen salarial de algunos empleados de la Fiscal\u00eda General de la Naci\u00f3n y sus posibles interpretaciones. MEDIO DE DEFENSA JUDICIAL-Controversia sobre r\u00e9gimen salarial Sobre la improcedencia de la acci\u00f3n de tutela para el reconocimiento de derecho litigiosos de rango legal, la Corporaci\u00f3n ha manifestado reiteradamente que \"Un pronunciamiento orientado a ...<br \/><div class=\"pt-cv-rmwrap\"><a href=\"https:\/\/www.dmsjuridica.com\/buscador_20179478954\/corteconstitucionalcronologico202454587\/t-435-95\/\" class=\"_self pt-cv-readmore btn btn-success\" target=\"_self\">Ver Sentencia Completa...<\/a><\/div><\/div><\/div><\/div>\n<div class=\"col-md-12 col-sm-12 col-xs-12 pt-cv-content-item pt-cv-1-col\" ><div class='pt-cv-ifield'><a href=\"https:\/\/www.dmsjuridica.com\/buscador_20179478954\/corteconstitucionalcronologico202454587\/t-434-95\/\" class=\"_self pt-cv-href-thumbnail pt-cv-thumb-default\" target=\"_self\" ><\/a>\n<div class=\"pt-cv-taxoterm above_title\"><a href='https:\/\/www.dmsjuridica.com\/buscador_20179478954\/corteconstitucionalcronologico202454587\/category\/buscar-en-toda-la-corte\/1995\/tutelas-1995\/' title='Tutelas 1995' class='pt-cv-tax-tutelas-1995'>Tutelas 1995<\/a><\/div>\n<h4 class=\"pt-cv-title\"><a href=\"https:\/\/www.dmsjuridica.com\/buscador_20179478954\/corteconstitucionalcronologico202454587\/t-434-95\/\" class=\"_self\" target=\"_self\" >T 434 95<\/a><\/h4>\n<div class=\"pt-cv-content\">T-434-95 DERECHO DE PETICION-Alcance Cuando se solicita protecci\u00f3n al derecho constitucional de petici\u00f3n, el juez de tutela tiene competencia \u00fanicamente para ordenar a la administraci\u00f3n que responda las solicitudes respetuosas que han sido elevadas por los particulares, ya sea positiva o negativamente, cuando es evidente que los t\u00e9rminos han vencido y esa respuesta no se ha producido. La orden no debe dirigirse a que la petici\u00f3n sea resuelta en tal sentido porque de ser as\u00ed implicar\u00eda una intromisi\u00f3n indebida en las otras ramas del poder, lo cual no solamente desconocer\u00eda el principio de la seguridad jur\u00eddica, sino tambi\u00e9n el de ...<br \/><div class=\"pt-cv-rmwrap\"><a href=\"https:\/\/www.dmsjuridica.com\/buscador_20179478954\/corteconstitucionalcronologico202454587\/t-434-95\/\" class=\"_self pt-cv-readmore btn btn-success\" target=\"_self\">Ver Sentencia Completa...<\/a><\/div><\/div><\/div><\/div>\n<div class=\"col-md-12 col-sm-12 col-xs-12 pt-cv-content-item pt-cv-1-col\" ><div class='pt-cv-ifield'><a href=\"https:\/\/www.dmsjuridica.com\/buscador_20179478954\/corteconstitucionalcronologico202454587\/t-433-95\/\" class=\"_self pt-cv-href-thumbnail pt-cv-thumb-default\" target=\"_self\" ><\/a>\n<div class=\"pt-cv-taxoterm above_title\"><a href='https:\/\/www.dmsjuridica.com\/buscador_20179478954\/corteconstitucionalcronologico202454587\/category\/buscar-en-toda-la-corte\/1995\/tutelas-1995\/' title='Tutelas 1995' class='pt-cv-tax-tutelas-1995'>Tutelas 1995<\/a><\/div>\n<h4 class=\"pt-cv-title\"><a href=\"https:\/\/www.dmsjuridica.com\/buscador_20179478954\/corteconstitucionalcronologico202454587\/t-433-95\/\" class=\"_self\" target=\"_self\" >T 433 95<\/a><\/h4>\n<div class=\"pt-cv-content\">T-433-95 Sentencia No. T-433\/95 DERECHO A LA IGUALDAD-Nombramiento de quien obtuvo el primer puesto\/DERECHO AL TRABAJO-Nombramiento de quien obtuvo el primer puesto\/CONCURSO DE MERITOS-Nombramiento de quien obtuvo el primer puesto se vulneraron los derechos fundamentales a la igualdad y al trabajo del peticionario por parte de la Gobernaci\u00f3n y la Secretar\u00eda de Educaci\u00f3n, al omitir el nombramiento del actor quien obtuvo el primer lugar en el concurso efectuado para la provisi\u00f3n del cargo de Director, pues habiendo adquirido en forma v\u00e1lida y leg\u00edtima el derecho a ocupar el puesto, se le niega el ejercicio del derecho, consistente en ser llamado ...<br \/><div class=\"pt-cv-rmwrap\"><a href=\"https:\/\/www.dmsjuridica.com\/buscador_20179478954\/corteconstitucionalcronologico202454587\/t-433-95\/\" class=\"_self pt-cv-readmore btn btn-success\" target=\"_self\">Ver Sentencia Completa...<\/a><\/div><\/div><\/div><\/div>\n<div class=\"col-md-12 col-sm-12 col-xs-12 pt-cv-content-item pt-cv-1-col\" ><div class='pt-cv-ifield'><a href=\"https:\/\/www.dmsjuridica.com\/buscador_20179478954\/corteconstitucionalcronologico202454587\/t-428-95\/\" class=\"_self pt-cv-href-thumbnail pt-cv-thumb-default\" target=\"_self\" ><\/a>\n<div class=\"pt-cv-taxoterm above_title\"><a href='https:\/\/www.dmsjuridica.com\/buscador_20179478954\/corteconstitucionalcronologico202454587\/category\/buscar-en-toda-la-corte\/1995\/tutelas-1995\/' title='Tutelas 1995' class='pt-cv-tax-tutelas-1995'>Tutelas 1995<\/a><\/div>\n<h4 class=\"pt-cv-title\"><a href=\"https:\/\/www.dmsjuridica.com\/buscador_20179478954\/corteconstitucionalcronologico202454587\/t-428-95\/\" class=\"_self\" target=\"_self\" >T 428 95<\/a><\/h4>\n<div class=\"pt-cv-content\">T-428-95 Sentencia No. T-428\/95 ACCION DE TUTELA CONTRA PARTICULARES-Contaminaci\u00f3n por ruido\/INDEFENSION-Pasividad de la autoridad p\u00fablica Parecer\u00eda, aunque no hay prueba de ello, que el ruido ocasionado en el establecimiento constituir\u00eda la causa principal de la molestia. Trat\u00e1ndose de este tema, la Corte ya ha considerado que la persona se encontrar\u00eda en estado de indefensi\u00f3n frente a quien contamina por medio de ruido. No est\u00e1 dirigida la solicitud contra la autoridad p\u00fablica, sin embargo, conforme se cit\u00f3 anteriormente, la indefensi\u00f3n surge, si hay pasividad de tal autoridad. ACCION DE TUTELA CONTRA EL RUIDO-Nivel de tolerancia Si se supera el nivel de ...<br \/><div class=\"pt-cv-rmwrap\"><a href=\"https:\/\/www.dmsjuridica.com\/buscador_20179478954\/corteconstitucionalcronologico202454587\/t-428-95\/\" class=\"_self pt-cv-readmore btn btn-success\" target=\"_self\">Ver Sentencia Completa...<\/a><\/div><\/div><\/div><\/div>\n<div class=\"col-md-12 col-sm-12 col-xs-12 pt-cv-content-item pt-cv-1-col\" ><div class='pt-cv-ifield'><a href=\"https:\/\/www.dmsjuridica.com\/buscador_20179478954\/corteconstitucionalcronologico202454587\/t-427-95\/\" class=\"_self pt-cv-href-thumbnail pt-cv-thumb-default\" target=\"_self\" ><\/a>\n<div class=\"pt-cv-taxoterm above_title\"><a href='https:\/\/www.dmsjuridica.com\/buscador_20179478954\/corteconstitucionalcronologico202454587\/category\/buscar-en-toda-la-corte\/1995\/tutelas-1995\/' title='Tutelas 1995' class='pt-cv-tax-tutelas-1995'>Tutelas 1995<\/a><\/div>\n<h4 class=\"pt-cv-title\"><a href=\"https:\/\/www.dmsjuridica.com\/buscador_20179478954\/corteconstitucionalcronologico202454587\/t-427-95\/\" class=\"_self\" target=\"_self\" >T 427 95<\/a><\/h4>\n<div class=\"pt-cv-content\">T-427-95 Sentencia No. T-427\/95 DEBIDO PROCESO ADMINISTRATIVO-Actuaci\u00f3n disciplinaria\/SANCION DISCIPLINARIA-Expulsi\u00f3n\/SANCION DISCIPLINARIA-Cambio de horario de clases La Corporaci\u00f3n demandada viol\u00f3 el derecho al debido proceso de la actora y de su compa\u00f1ero sancionado, al imponerles una sanci\u00f3n disciplinaria -a uno de ellos la expulsi\u00f3n-, sin permitirles ejercer su derecho de defensa, y sin la participaci\u00f3n de la comunidad educativa, tal como lo ordena el Estatuto Superior. RESPONSABILIDAD DE LOS PARTICULARES ANTE LAS AUTORIDADES\/DERECHO A LA EDUCACION-Cambio de horario de clases\/DEBIDO PROCESO-Cambio de horario de clases\/VIA DE HECHO POR IMPOSICION DE SANCION EDUCATIVA A la actora no se le impuso la sanci\u00f3n disciplinaria ...<br \/><div class=\"pt-cv-rmwrap\"><a href=\"https:\/\/www.dmsjuridica.com\/buscador_20179478954\/corteconstitucionalcronologico202454587\/t-427-95\/\" class=\"_self pt-cv-readmore btn btn-success\" target=\"_self\">Ver Sentencia Completa...<\/a><\/div><\/div><\/div><\/div>\n<div class=\"col-md-12 col-sm-12 col-xs-12 pt-cv-content-item pt-cv-1-col\" ><div class='pt-cv-ifield'><a href=\"https:\/\/www.dmsjuridica.com\/buscador_20179478954\/corteconstitucionalcronologico202454587\/t-426-95\/\" class=\"_self pt-cv-href-thumbnail pt-cv-thumb-default\" target=\"_self\" ><\/a>\n<div class=\"pt-cv-taxoterm above_title\"><a href='https:\/\/www.dmsjuridica.com\/buscador_20179478954\/corteconstitucionalcronologico202454587\/category\/buscar-en-toda-la-corte\/1995\/tutelas-1995\/' title='Tutelas 1995' class='pt-cv-tax-tutelas-1995'>Tutelas 1995<\/a><\/div>\n<h4 class=\"pt-cv-title\"><a href=\"https:\/\/www.dmsjuridica.com\/buscador_20179478954\/corteconstitucionalcronologico202454587\/t-426-95\/\" class=\"_self\" target=\"_self\" >T 426 95<\/a><\/h4>\n<div class=\"pt-cv-content\">T-426-95 Sentencia No. T-426\/95 DERECHO A LA EDUCACION-Validaci\u00f3n del a\u00f1o La culminaci\u00f3n satisfactoria de un curso de educaci\u00f3n media, al cual se accedi\u00f3 sin el cumplimiento de los requisitos previos que para el caso exige la ley, no convalida tal irregularidad, ni genera para el estudiante derechos adquiridos. El menor se ha visto perjudicado por la actitud equivocada de sus padres, que suministraron informaci\u00f3n inexacta e incompleta al rector del colegio demandado, haci\u00e9ndole creer que el ni\u00f1o estaba pendiente de una habilitaci\u00f3n para concluir satisfactoriamente su grado sexto, cuando en realidad dicha habilitaci\u00f3n ya se hab\u00eda realizado, arrojando resultados negativos ...<br \/><div class=\"pt-cv-rmwrap\"><a href=\"https:\/\/www.dmsjuridica.com\/buscador_20179478954\/corteconstitucionalcronologico202454587\/t-426-95\/\" class=\"_self pt-cv-readmore btn btn-success\" target=\"_self\">Ver Sentencia Completa...<\/a><\/div><\/div><\/div><\/div>\n<div class=\"col-md-12 col-sm-12 col-xs-12 pt-cv-content-item pt-cv-1-col\" ><div class='pt-cv-ifield'><a href=\"https:\/\/www.dmsjuridica.com\/buscador_20179478954\/corteconstitucionalcronologico202454587\/t-425-95\/\" class=\"_self pt-cv-href-thumbnail pt-cv-thumb-default\" target=\"_self\" ><\/a>\n<div class=\"pt-cv-taxoterm above_title\"><a href='https:\/\/www.dmsjuridica.com\/buscador_20179478954\/corteconstitucionalcronologico202454587\/category\/buscar-en-toda-la-corte\/1995\/tutelas-1995\/' title='Tutelas 1995' class='pt-cv-tax-tutelas-1995'>Tutelas 1995<\/a><\/div>\n<h4 class=\"pt-cv-title\"><a href=\"https:\/\/www.dmsjuridica.com\/buscador_20179478954\/corteconstitucionalcronologico202454587\/t-425-95\/\" class=\"_self\" target=\"_self\" >T 425 95<\/a><\/h4>\n<div class=\"pt-cv-content\">T-425-95 Sentencia No. T-425\/95 PRINCIPIO DE LA UNIDAD CONSTITUCIONAL-Colisi\u00f3n entre normas constitucionales Las colisiones entre normas jur\u00eddicas de igual jerarqu\u00eda constitucional deben solucionarse de forma que se logre la \u00f3ptima eficacia de las mismas. El principio de la unidad constitucional exige la interpretaci\u00f3n de la Constituci\u00f3n como un todo arm\u00f3nico y coherente, al cual se opone una interpretaci\u00f3n aislada o contradictoria de las disposiciones que la integran. PRINCIPIO DE ARMONIZACION-Colisi\u00f3n entre derechos constitucionales El ejercicio de los derechos plantea conflictos cuya soluci\u00f3n hace necesaria la armonizaci\u00f3n concreta de las normas constitucionales enfrentadas. El principio de armonizaci\u00f3n concreta impide que se ...<br \/><div class=\"pt-cv-rmwrap\"><a href=\"https:\/\/www.dmsjuridica.com\/buscador_20179478954\/corteconstitucionalcronologico202454587\/t-425-95\/\" class=\"_self pt-cv-readmore btn btn-success\" target=\"_self\">Ver Sentencia Completa...<\/a><\/div><\/div><\/div><\/div>\n<div class=\"col-md-12 col-sm-12 col-xs-12 pt-cv-content-item pt-cv-1-col\" ><div class='pt-cv-ifield'><a href=\"https:\/\/www.dmsjuridica.com\/buscador_20179478954\/corteconstitucionalcronologico202454587\/t-424-95\/\" class=\"_self pt-cv-href-thumbnail pt-cv-thumb-default\" target=\"_self\" ><\/a>\n<div class=\"pt-cv-taxoterm above_title\"><a href='https:\/\/www.dmsjuridica.com\/buscador_20179478954\/corteconstitucionalcronologico202454587\/category\/buscar-en-toda-la-corte\/1995\/tutelas-1995\/' title='Tutelas 1995' class='pt-cv-tax-tutelas-1995'>Tutelas 1995<\/a><\/div>\n<h4 class=\"pt-cv-title\"><a href=\"https:\/\/www.dmsjuridica.com\/buscador_20179478954\/corteconstitucionalcronologico202454587\/t-424-95\/\" class=\"_self\" target=\"_self\" >T 424 95<\/a><\/h4>\n<div class=\"pt-cv-content\">T-424-95 Sentencia T-424\/95 SENTENCIA DE CONSTITUCIONALIDAD-Efectos Los fallos que dicte la Corte en ejercicio del control constitucional, cuyos efectos adem\u00e1s puede determinar, hacen tr\u00e1nsito a cosa juzgada constitucional, en forma absoluta e irreversible, y ninguna autoridad puede reproducir el contenido material del acto jur\u00eddico declarado inexequible por razones de fondo, mientras subsista en la Carta las disposiciones que sirvieron para hacer la confrontaci\u00f3n entre la norma ordinaria y la Constituci\u00f3n. ACCION DE TUTELA-Juez competente\/JURISDICCION CONSTITUCIONAL EN TUTELA El conocimiento de las acciones de tutela corresponde a todos los jueces de la Rep\u00fablica, con observancia del principio de la doble instancia, ...<br \/><div class=\"pt-cv-rmwrap\"><a href=\"https:\/\/www.dmsjuridica.com\/buscador_20179478954\/corteconstitucionalcronologico202454587\/t-424-95\/\" class=\"_self pt-cv-readmore btn btn-success\" target=\"_self\">Ver Sentencia Completa...<\/a><\/div><\/div><\/div><\/div>\n<div class=\"col-md-12 col-sm-12 col-xs-12 pt-cv-content-item pt-cv-1-col\" ><div class='pt-cv-ifield'><a href=\"https:\/\/www.dmsjuridica.com\/buscador_20179478954\/corteconstitucionalcronologico202454587\/t-417-95\/\" class=\"_self pt-cv-href-thumbnail pt-cv-thumb-default\" target=\"_self\" ><\/a>\n<div class=\"pt-cv-taxoterm above_title\"><a href='https:\/\/www.dmsjuridica.com\/buscador_20179478954\/corteconstitucionalcronologico202454587\/category\/buscar-en-toda-la-corte\/1995\/tutelas-1995\/' title='Tutelas 1995' class='pt-cv-tax-tutelas-1995'>Tutelas 1995<\/a><\/div>\n<h4 class=\"pt-cv-title\"><a href=\"https:\/\/www.dmsjuridica.com\/buscador_20179478954\/corteconstitucionalcronologico202454587\/t-417-95\/\" class=\"_self\" target=\"_self\" >T 417 95<\/a><\/h4>\n<div class=\"pt-cv-content\">T-417-95 Sentencia No. T-417\/95 El silencio administrativo negativo no es respuesta adecuada para el derecho de petici\u00f3n; y ya ha habido pronunciamiento de esta Sala de Revisi\u00f3n respecto a que un proyecto de resoluci\u00f3n tampoco es la forma de contestar al derecho de petici\u00f3n. A\u00fan cuando a la solicitud elevada por el demandante se le imparti\u00f3 tr\u00e1mite a punto tal de existir un proyecto de resoluci\u00f3n, no resulta acertado que, con base en ello, se dieran por satisfechas las exigencias del derecho. La respuesta, para que sea tal, debe ponerse en conocimiento del solicitante, de lo contrario, la administraci\u00f3n patrocina ...<br \/><div class=\"pt-cv-rmwrap\"><a href=\"https:\/\/www.dmsjuridica.com\/buscador_20179478954\/corteconstitucionalcronologico202454587\/t-417-95\/\" class=\"_self pt-cv-readmore btn btn-success\" target=\"_self\">Ver Sentencia Completa...<\/a><\/div><\/div><\/div><\/div>\n<div class=\"col-md-12 col-sm-12 col-xs-12 pt-cv-content-item pt-cv-1-col\" ><div class='pt-cv-ifield'><a href=\"https:\/\/www.dmsjuridica.com\/buscador_20179478954\/corteconstitucionalcronologico202454587\/t-416-95\/\" class=\"_self pt-cv-href-thumbnail pt-cv-thumb-default\" target=\"_self\" ><\/a>\n<div class=\"pt-cv-taxoterm above_title\"><a href='https:\/\/www.dmsjuridica.com\/buscador_20179478954\/corteconstitucionalcronologico202454587\/category\/buscar-en-toda-la-corte\/1995\/tutelas-1995\/' title='Tutelas 1995' class='pt-cv-tax-tutelas-1995'>Tutelas 1995<\/a><\/div>\n<h4 class=\"pt-cv-title\"><a href=\"https:\/\/www.dmsjuridica.com\/buscador_20179478954\/corteconstitucionalcronologico202454587\/t-416-95\/\" class=\"_self\" target=\"_self\" >T 416 95<\/a><\/h4>\n<div class=\"pt-cv-content\">T-416-95 Sentencia No. T-416\/95 ACCION DE TUTELA CONTRA PROVIDENCIAS JUDICIALES\/VIA DE HECHO La Corte Constitucional determin\u00f3 que, excepcionalmente, podr\u00eda intentarse tal acci\u00f3n cuando se presentara la violaci\u00f3n de un derecho fundamental, en tal forma que la actuaci\u00f3n del funcionario judicial se convirtiera en una verdadera v\u00eda de hecho. S\u00f3lo en esos casos excepcionales ser\u00eda viable la demanda de tutela. En el presente caso no se presenta esta circunstancia. Ni en la demanda de tutela ni en el fallo correspondiente se afirma la violaci\u00f3n del debido proceso, pero ni siquiera se insin\u00faa. DEBIDO PROCESO-Apreciaci\u00f3n de pruebas En principio, la apreciaci\u00f3n de ...<br \/><div class=\"pt-cv-rmwrap\"><a href=\"https:\/\/www.dmsjuridica.com\/buscador_20179478954\/corteconstitucionalcronologico202454587\/t-416-95\/\" class=\"_self pt-cv-readmore btn btn-success\" target=\"_self\">Ver Sentencia Completa...<\/a><\/div><\/div><\/div><\/div>\n<div class=\"col-md-12 col-sm-12 col-xs-12 pt-cv-content-item pt-cv-1-col\" ><div class='pt-cv-ifield'><a href=\"https:\/\/www.dmsjuridica.com\/buscador_20179478954\/corteconstitucionalcronologico202454587\/t-415-95\/\" class=\"_self pt-cv-href-thumbnail pt-cv-thumb-default\" target=\"_self\" ><\/a>\n<div class=\"pt-cv-taxoterm above_title\"><a href='https:\/\/www.dmsjuridica.com\/buscador_20179478954\/corteconstitucionalcronologico202454587\/category\/buscar-en-toda-la-corte\/1995\/tutelas-1995\/' title='Tutelas 1995' class='pt-cv-tax-tutelas-1995'>Tutelas 1995<\/a><\/div>\n<h4 class=\"pt-cv-title\"><a href=\"https:\/\/www.dmsjuridica.com\/buscador_20179478954\/corteconstitucionalcronologico202454587\/t-415-95\/\" class=\"_self\" target=\"_self\" >T 415 95<\/a><\/h4>\n<div class=\"pt-cv-content\">T-415-95 Sentencia No. T-415\/95 INSUBSISTENCIA-Improcedencia de la tutela La acci\u00f3n de tutela resulta improcedente cuando el peticionario cuenta con otros mecanismos de defensa judicial. En el presente asunto, el juez de tutela se encuentra frente a un acto administrativo, amparado por la presunci\u00f3n de legalidad, y ante el cual la persona interesada puede ejercer la acci\u00f3n de nulidad. PERJUICIO IRREMEDIABLE-Inexistencia El hecho de que la actora tenga la posibilidad de acudir a la jurisdicci\u00f3n contencioso-administrativa con el fin de lograr la anulaci\u00f3n del acto administrativo mediante el cual presuntamente se le violan sus derechos fundamentales, permite conclu\u00edr que no se ...<br \/><div class=\"pt-cv-rmwrap\"><a href=\"https:\/\/www.dmsjuridica.com\/buscador_20179478954\/corteconstitucionalcronologico202454587\/t-415-95\/\" class=\"_self pt-cv-readmore btn btn-success\" target=\"_self\">Ver Sentencia Completa...<\/a><\/div><\/div><\/div><\/div>\n<div class=\"col-md-12 col-sm-12 col-xs-12 pt-cv-content-item pt-cv-1-col\" ><div class='pt-cv-ifield'><a href=\"https:\/\/www.dmsjuridica.com\/buscador_20179478954\/corteconstitucionalcronologico202454587\/t-414-95\/\" class=\"_self pt-cv-href-thumbnail pt-cv-thumb-default\" target=\"_self\" ><\/a>\n<div class=\"pt-cv-taxoterm above_title\"><a href='https:\/\/www.dmsjuridica.com\/buscador_20179478954\/corteconstitucionalcronologico202454587\/category\/buscar-en-toda-la-corte\/1995\/tutelas-1995\/' title='Tutelas 1995' class='pt-cv-tax-tutelas-1995'>Tutelas 1995<\/a><\/div>\n<h4 class=\"pt-cv-title\"><a href=\"https:\/\/www.dmsjuridica.com\/buscador_20179478954\/corteconstitucionalcronologico202454587\/t-414-95\/\" class=\"_self\" target=\"_self\" >T 414 95<\/a><\/h4>\n<div class=\"pt-cv-content\">T-414-95 Sentencia T-414\/95 DERECHO DE PETICION EN ACTUACIONES ADMINISTRATIVAS\/DEBIDO PROCESO ADMINISTRATIVO El derecho de petici\u00f3n tiene por finalidad hacer posible el acceso de las personas a la autoridad p\u00fablica para que \u00e9sta, se vea precisada no solamente a tramitar sino a responder de manera oportuna las solicitudes elevadas por aqu\u00e9llas en inter\u00e9s general o particular, pero no tiene sentido cuando la administraci\u00f3n ha asumido de oficio una actuaci\u00f3n que adelanta ci\u00f1\u00e9ndose a los t\u00e9rminos y requerimientos legales. En tales eventos las reglas aplicables para que se llegue a decidir sobre el fondo de lo solicitado son las que la ley ...<br \/><div class=\"pt-cv-rmwrap\"><a href=\"https:\/\/www.dmsjuridica.com\/buscador_20179478954\/corteconstitucionalcronologico202454587\/t-414-95\/\" class=\"_self pt-cv-readmore btn btn-success\" target=\"_self\">Ver Sentencia Completa...<\/a><\/div><\/div><\/div><\/div>\n<div class=\"col-md-12 col-sm-12 col-xs-12 pt-cv-content-item pt-cv-1-col\" ><div class='pt-cv-ifield'><a href=\"https:\/\/www.dmsjuridica.com\/buscador_20179478954\/corteconstitucionalcronologico202454587\/t-413-95\/\" class=\"_self pt-cv-href-thumbnail pt-cv-thumb-default\" target=\"_self\" ><\/a>\n<div class=\"pt-cv-taxoterm above_title\"><a href='https:\/\/www.dmsjuridica.com\/buscador_20179478954\/corteconstitucionalcronologico202454587\/category\/buscar-en-toda-la-corte\/1995\/tutelas-1995\/' title='Tutelas 1995' class='pt-cv-tax-tutelas-1995'>Tutelas 1995<\/a><\/div>\n<h4 class=\"pt-cv-title\"><a href=\"https:\/\/www.dmsjuridica.com\/buscador_20179478954\/corteconstitucionalcronologico202454587\/t-413-95\/\" class=\"_self\" target=\"_self\" >T 413 95<\/a><\/h4>\n<div class=\"pt-cv-content\">T-413-95 Sentencia No. T-413\/95 ACCION DE TUTELA CONTRA PARTICULARES-Suministro de agua potable Procede la tutela contra los particulares que est\u00e9n encargados de la prestaci\u00f3n de servicios p\u00fablicos domiciliarios, sin que sea indispensable demostrar la personer\u00eda jur\u00eddica de la entidad que presta el servicio, la acci\u00f3n se puede dirigir contra el representante del \u00f3rgano que presuntamente viol\u00f3 o amenaz\u00f3 el derecho fundamental. SERVICIO PUBLICO DE ACUEDUCTO-Prioridad para consumo humano\/DERECHO A LA VIDA-Suministro de agua potable El derecho al agua, para el uso de las personas, en cuanto contribuye a la salud, a la salubridad p\u00fablica, y, en \u00faltimas, a la vida, ...<br \/><div class=\"pt-cv-rmwrap\"><a href=\"https:\/\/www.dmsjuridica.com\/buscador_20179478954\/corteconstitucionalcronologico202454587\/t-413-95\/\" class=\"_self pt-cv-readmore btn btn-success\" target=\"_self\">Ver Sentencia Completa...<\/a><\/div><\/div><\/div><\/div>\n<div class=\"col-md-12 col-sm-12 col-xs-12 pt-cv-content-item pt-cv-1-col\" ><div class='pt-cv-ifield'><a href=\"https:\/\/www.dmsjuridica.com\/buscador_20179478954\/corteconstitucionalcronologico202454587\/t-412-95\/\" class=\"_self pt-cv-href-thumbnail pt-cv-thumb-default\" target=\"_self\" ><\/a>\n<div class=\"pt-cv-taxoterm above_title\"><a href='https:\/\/www.dmsjuridica.com\/buscador_20179478954\/corteconstitucionalcronologico202454587\/category\/buscar-en-toda-la-corte\/1995\/tutelas-1995\/' title='Tutelas 1995' class='pt-cv-tax-tutelas-1995'>Tutelas 1995<\/a><\/div>\n<h4 class=\"pt-cv-title\"><a href=\"https:\/\/www.dmsjuridica.com\/buscador_20179478954\/corteconstitucionalcronologico202454587\/t-412-95\/\" class=\"_self\" target=\"_self\" >T 412 95<\/a><\/h4>\n<div class=\"pt-cv-content\">T-412-95 Sentencia No. T-412\/95 MEDIDAS PROVISIONALES PARA PROTEGER UN DERECHO La Sala de Revisi\u00f3n ordena provisionalmente suspender los efectos de la Sentencia proferida por el Juez, en consideraci\u00f3n a proteger el Derecho a la intimidad de la menor xx. Result\u00f3 claro para esta Sala, que la decisi\u00f3n adoptada por el Juez, al ordenar dar la informaci\u00f3n pertinente a la ubicaci\u00f3n de la menor xx a su progenitoria, pon\u00eda en serio peligro el derecho a la intimidad de la menor. DERECHO A LA INTIMIDAD PERSONAL Y FAMILIAR-Menor dado en adopci\u00f3n El Proceso de Adopci\u00f3n, en cuanto ha sido instituido como mecanismo ...<br \/><div class=\"pt-cv-rmwrap\"><a href=\"https:\/\/www.dmsjuridica.com\/buscador_20179478954\/corteconstitucionalcronologico202454587\/t-412-95\/\" class=\"_self pt-cv-readmore btn btn-success\" target=\"_self\">Ver Sentencia Completa...<\/a><\/div><\/div><\/div><\/div>\n<div class=\"col-md-12 col-sm-12 col-xs-12 pt-cv-content-item pt-cv-1-col\" ><div class='pt-cv-ifield'><a href=\"https:\/\/www.dmsjuridica.com\/buscador_20179478954\/corteconstitucionalcronologico202454587\/t-411-95\/\" class=\"_self pt-cv-href-thumbnail pt-cv-thumb-default\" target=\"_self\" ><\/a>\n<div class=\"pt-cv-taxoterm above_title\"><a href='https:\/\/www.dmsjuridica.com\/buscador_20179478954\/corteconstitucionalcronologico202454587\/category\/buscar-en-toda-la-corte\/1995\/tutelas-1995\/' title='Tutelas 1995' class='pt-cv-tax-tutelas-1995'>Tutelas 1995<\/a><\/div>\n<h4 class=\"pt-cv-title\"><a href=\"https:\/\/www.dmsjuridica.com\/buscador_20179478954\/corteconstitucionalcronologico202454587\/t-411-95\/\" class=\"_self\" target=\"_self\" >T 411 95<\/a><\/h4>\n<div class=\"pt-cv-content\">T-411-95 Sentencia No. T-411\/95 NULIDAD POR FALTA DE COMPETENCIA El criterio con que conoce un juez de tutela competente es \"a prevenci\u00f3n\", lo que indica que se excluye del conocimiento del asunto a los dem\u00e1s jueces aptos para resolverlo, cuando otro juzgador se ha anticipado en su conocimiento. Se concluy\u00f3 que la competencia deb\u00eda recaer en el Juzgado del lugar de la violaci\u00f3n o amenaza del derecho vulnerado, por estimarse que la perturbaci\u00f3n del derecho ocurre precisamente en el lugar donde \"la persona es reconocida por la colectividad y donde necesariamente tiene la buena o la mala fama que la ...<br \/><div class=\"pt-cv-rmwrap\"><a href=\"https:\/\/www.dmsjuridica.com\/buscador_20179478954\/corteconstitucionalcronologico202454587\/t-411-95\/\" class=\"_self pt-cv-readmore btn btn-success\" target=\"_self\">Ver Sentencia Completa...<\/a><\/div><\/div><\/div><\/div>\n<div class=\"col-md-12 col-sm-12 col-xs-12 pt-cv-content-item pt-cv-1-col\" ><div class='pt-cv-ifield'><a href=\"https:\/\/www.dmsjuridica.com\/buscador_20179478954\/corteconstitucionalcronologico202454587\/t-410-95\/\" class=\"_self pt-cv-href-thumbnail pt-cv-thumb-default\" target=\"_self\" ><\/a>\n<div class=\"pt-cv-taxoterm above_title\"><a href='https:\/\/www.dmsjuridica.com\/buscador_20179478954\/corteconstitucionalcronologico202454587\/category\/buscar-en-toda-la-corte\/1995\/tutelas-1995\/' title='Tutelas 1995' class='pt-cv-tax-tutelas-1995'>Tutelas 1995<\/a><\/div>\n<h4 class=\"pt-cv-title\"><a href=\"https:\/\/www.dmsjuridica.com\/buscador_20179478954\/corteconstitucionalcronologico202454587\/t-410-95\/\" class=\"_self\" target=\"_self\" >T 410 95<\/a><\/h4>\n<div class=\"pt-cv-content\">T-410-95 Sentencia No. T-410\/95 PRINCIPIO NO REFORMATIO IN PEJUS EN PROCESOS DISCIPLINARIOS\/DEBIDO PROCESO DISCIPLINARIO La Sala Jurisdiccional Disciplinaria del Consejo Superior de la Judicatura al resolver el recurso de apelaci\u00f3n interpuesto por la peticionaria agrav\u00f3 la sanci\u00f3n que se le hab\u00eda impuesto en primera instancia. De esta manera viol\u00f3 flagrantemente el debido proceso y la no reformatio in pejus, si se tiene en cuenta que al desconocer la prohibici\u00f3n de la reformatio in pejus obviamente incurri\u00f3 en la transgresi\u00f3n del derecho fundamental al debido proceso. VIA DE HECHO-Materia disciplinaria La violaci\u00f3n palmaria del debido proceso y la no reformatio in ...<br \/><div class=\"pt-cv-rmwrap\"><a href=\"https:\/\/www.dmsjuridica.com\/buscador_20179478954\/corteconstitucionalcronologico202454587\/t-410-95\/\" class=\"_self pt-cv-readmore btn btn-success\" target=\"_self\">Ver Sentencia Completa...<\/a><\/div><\/div><\/div><\/div>\n<div class=\"col-md-12 col-sm-12 col-xs-12 pt-cv-content-item pt-cv-1-col\" ><div class='pt-cv-ifield'><a href=\"https:\/\/www.dmsjuridica.com\/buscador_20179478954\/corteconstitucionalcronologico202454587\/t-409-95\/\" class=\"_self pt-cv-href-thumbnail pt-cv-thumb-default\" target=\"_self\" ><\/a>\n<div class=\"pt-cv-taxoterm above_title\"><a href='https:\/\/www.dmsjuridica.com\/buscador_20179478954\/corteconstitucionalcronologico202454587\/category\/buscar-en-toda-la-corte\/1995\/tutelas-1995\/' title='Tutelas 1995' class='pt-cv-tax-tutelas-1995'>Tutelas 1995<\/a><\/div>\n<h4 class=\"pt-cv-title\"><a href=\"https:\/\/www.dmsjuridica.com\/buscador_20179478954\/corteconstitucionalcronologico202454587\/t-409-95\/\" class=\"_self\" target=\"_self\" >T 409 95<\/a><\/h4>\n<div class=\"pt-cv-content\">T-409-95 Sentencia No. T-409\/95 DERECHO A LA SALUD-Naturaleza prestacional El derecho a la salud, comprendido dentro del cat\u00e1logo de los derechos sociales, econ\u00f3micos y culturales tiene en la Constituci\u00f3n un contenido evidentemente prestacional, pues al deber correlativo que tiene toda persona de \"procurar el cuidado integral de su salud y la de su comunidad\", se encuentra el del Estado de garantizar su cumplimiento, a trav\u00e9s del correspondiente sistema de servicios, mediante el suministro de prestaciones concretas en materia de salud. Pero es de anotar que la cobertura y extensi\u00f3n del servicio de salud a los diferentes sectores de la comunidad ...<br \/><div class=\"pt-cv-rmwrap\"><a href=\"https:\/\/www.dmsjuridica.com\/buscador_20179478954\/corteconstitucionalcronologico202454587\/t-409-95\/\" class=\"_self pt-cv-readmore btn btn-success\" target=\"_self\">Ver Sentencia Completa...<\/a><\/div><\/div><\/div><\/div>\n<div class=\"col-md-12 col-sm-12 col-xs-12 pt-cv-content-item pt-cv-1-col\" ><div class='pt-cv-ifield'><a href=\"https:\/\/www.dmsjuridica.com\/buscador_20179478954\/corteconstitucionalcronologico202454587\/t-408-95\/\" class=\"_self pt-cv-href-thumbnail pt-cv-thumb-default\" target=\"_self\" ><\/a>\n<div class=\"pt-cv-taxoterm above_title\"><a href='https:\/\/www.dmsjuridica.com\/buscador_20179478954\/corteconstitucionalcronologico202454587\/category\/buscar-en-toda-la-corte\/1995\/tutelas-1995\/' title='Tutelas 1995' class='pt-cv-tax-tutelas-1995'>Tutelas 1995<\/a><\/div>\n<h4 class=\"pt-cv-title\"><a href=\"https:\/\/www.dmsjuridica.com\/buscador_20179478954\/corteconstitucionalcronologico202454587\/t-408-95\/\" class=\"_self\" target=\"_self\" >T 408 95<\/a><\/h4>\n<div class=\"pt-cv-content\">T-408-95 Sentencia No. T-408\/95 ACCION DE TUTELA INTERPUESTA POR ABUELA La peticionaria est\u00e1 legitimada para interponer la acci\u00f3n de tutela en nombre de su nieta, si se tiene en cuenta que la acci\u00f3n se dirige en contra del padre de la menor, y la madre se encuentra recluida en la C\u00e1rcel, imposibilitada, por lo tanto, para defender los intereses de su hija. AGENCIA OFICIOSA EN TUTELA-Menor de edad Cualquiera persona est\u00e1 legitimada para interponer acci\u00f3n de tutela en nombre de un menor, siempre y cuando en el escrito o petici\u00f3n verbal conste la inminencia de la violaci\u00f3n a los derechos ...<br \/><div class=\"pt-cv-rmwrap\"><a href=\"https:\/\/www.dmsjuridica.com\/buscador_20179478954\/corteconstitucionalcronologico202454587\/t-408-95\/\" class=\"_self pt-cv-readmore btn btn-success\" target=\"_self\">Ver Sentencia Completa...<\/a><\/div><\/div><\/div><\/div>\n<div class=\"col-md-12 col-sm-12 col-xs-12 pt-cv-content-item pt-cv-1-col\" ><div class='pt-cv-ifield'><a href=\"https:\/\/www.dmsjuridica.com\/buscador_20179478954\/corteconstitucionalcronologico202454587\/t-404-95\/\" class=\"_self pt-cv-href-thumbnail pt-cv-thumb-default\" target=\"_self\" ><\/a>\n<div class=\"pt-cv-taxoterm above_title\"><a href='https:\/\/www.dmsjuridica.com\/buscador_20179478954\/corteconstitucionalcronologico202454587\/category\/buscar-en-toda-la-corte\/1995\/tutelas-1995\/' title='Tutelas 1995' class='pt-cv-tax-tutelas-1995'>Tutelas 1995<\/a><\/div>\n<h4 class=\"pt-cv-title\"><a href=\"https:\/\/www.dmsjuridica.com\/buscador_20179478954\/corteconstitucionalcronologico202454587\/t-404-95\/\" class=\"_self\" target=\"_self\" >T 404 95<\/a><\/h4>\n<div class=\"pt-cv-content\">T-404-95 Sentencia No. T-404\/95 DERECHO A LA HONRA-Interventor\u00eda en oficina de registro\/CONDUCTA LEGITIMA DEL INTERVENTOR\/DERECHO AL BUEN NOMBRE-Interventor\u00eda en oficina de registro Atentar contra la honra y el buen nombre de una persona mediante la divulgaci\u00f3n de una informaci\u00f3n tendenciosa, ciertamente constituye una lesi\u00f3n injustificada a la posici\u00f3n del hombre en sociedad. Sin embargo, no pueden considerarse vulnerados estos derechos cuando se trata de informaciones originadas en conductas leg\u00edtimas adelantadas por funcionarios p\u00fablicos en ejercicio de sus atribuciones, los cuales, por tanto, se encuentran investidos del poder y el deber de comunicar a sus superiores la ocurrencia de actos que ...<br \/><div class=\"pt-cv-rmwrap\"><a href=\"https:\/\/www.dmsjuridica.com\/buscador_20179478954\/corteconstitucionalcronologico202454587\/t-404-95\/\" class=\"_self pt-cv-readmore btn btn-success\" target=\"_self\">Ver Sentencia Completa...<\/a><\/div><\/div><\/div><\/div>\n<div class=\"col-md-12 col-sm-12 col-xs-12 pt-cv-content-item pt-cv-1-col\" ><div class='pt-cv-ifield'><a href=\"https:\/\/www.dmsjuridica.com\/buscador_20179478954\/corteconstitucionalcronologico202454587\/t-403-95\/\" class=\"_self pt-cv-href-thumbnail pt-cv-thumb-default\" target=\"_self\" ><\/a>\n<div class=\"pt-cv-taxoterm above_title\"><a href='https:\/\/www.dmsjuridica.com\/buscador_20179478954\/corteconstitucionalcronologico202454587\/category\/buscar-en-toda-la-corte\/1995\/tutelas-1995\/' title='Tutelas 1995' class='pt-cv-tax-tutelas-1995'>Tutelas 1995<\/a><\/div>\n<h4 class=\"pt-cv-title\"><a href=\"https:\/\/www.dmsjuridica.com\/buscador_20179478954\/corteconstitucionalcronologico202454587\/t-403-95\/\" class=\"_self\" target=\"_self\" >T 403 95<\/a><\/h4>\n<div class=\"pt-cv-content\">T-403-95 Sentencia No. T-403\/95 LEGITIMACION POR ACTIVA EN TUTELA-Derechos ajenos Quien pidi\u00f3 la tutela evidentemente no ten\u00eda la titularidad de todos los derechos fundamentales reclamados, la jurisdicci\u00f3n constitucional no podr\u00eda, sin perjuicio del debido proceso, proferir sentencia favorable a sus pretensiones, porque el inter\u00e9s subjetivo y espec\u00edfico en la resoluci\u00f3n de la supuesta violaci\u00f3n de los derechos constitucionales fundamentales rese\u00f1ados en la demanda, corresponde a persona distinta que no intervino en el proceso. Por lo tanto, por este aspecto, la Sala cree que el actor incurri\u00f3 en un error insubsanable cuando pretendi\u00f3, mediante tutela, defender varios derechos ajenos como si ...<br \/><div class=\"pt-cv-rmwrap\"><a href=\"https:\/\/www.dmsjuridica.com\/buscador_20179478954\/corteconstitucionalcronologico202454587\/t-403-95\/\" class=\"_self pt-cv-readmore btn btn-success\" target=\"_self\">Ver Sentencia Completa...<\/a><\/div><\/div><\/div><\/div>\n<div class=\"col-md-12 col-sm-12 col-xs-12 pt-cv-content-item pt-cv-1-col\" ><div class='pt-cv-ifield'><a href=\"https:\/\/www.dmsjuridica.com\/buscador_20179478954\/corteconstitucionalcronologico202454587\/t-395-95\/\" class=\"_self pt-cv-href-thumbnail pt-cv-thumb-default\" target=\"_self\" ><\/a>\n<div class=\"pt-cv-taxoterm above_title\"><a href='https:\/\/www.dmsjuridica.com\/buscador_20179478954\/corteconstitucionalcronologico202454587\/category\/buscar-en-toda-la-corte\/1995\/tutelas-1995\/' title='Tutelas 1995' class='pt-cv-tax-tutelas-1995'>Tutelas 1995<\/a><\/div>\n<h4 class=\"pt-cv-title\"><a href=\"https:\/\/www.dmsjuridica.com\/buscador_20179478954\/corteconstitucionalcronologico202454587\/t-395-95\/\" class=\"_self\" target=\"_self\" >T 395 95<\/a><\/h4>\n<div class=\"pt-cv-content\">T-395-95 Sentencia No. T-395\/95 MEDIO DE DEFENSA JUDICIAL-Venta de bien de uso p\u00fablico\/DERECHOS COLECTIVOS-Protecci\u00f3n del espacio p\u00fablico Los actores pretenden que se decrete la protecci\u00f3n judicial espec\u00edfica y directa de unos derechos que no ostentan el car\u00e1cter de derechos constitucionales fundamentales, sino simplemente el de derechos colectivos, en un caso, y el de intereses difusos, relacionados con el espacio p\u00fablico que, a su vez, es otro derecho colectivo, en otro. Para la protecci\u00f3n de los derechos invocados en la demanda de la referencia existen en nuestra legislaci\u00f3n otras acciones judiciales espec\u00edficas y directas. PERSONA JURIDICA-Titularidad de derechos fundamentales\/JUNTA DE ACCION ...<br \/><div class=\"pt-cv-rmwrap\"><a href=\"https:\/\/www.dmsjuridica.com\/buscador_20179478954\/corteconstitucionalcronologico202454587\/t-395-95\/\" class=\"_self pt-cv-readmore btn btn-success\" target=\"_self\">Ver Sentencia Completa...<\/a><\/div><\/div><\/div><\/div>\n<div class=\"col-md-12 col-sm-12 col-xs-12 pt-cv-content-item pt-cv-1-col\" ><div class='pt-cv-ifield'><a href=\"https:\/\/www.dmsjuridica.com\/buscador_20179478954\/corteconstitucionalcronologico202454587\/t-393-95\/\" class=\"_self pt-cv-href-thumbnail pt-cv-thumb-default\" target=\"_self\" ><\/a>\n<div class=\"pt-cv-taxoterm above_title\"><a href='https:\/\/www.dmsjuridica.com\/buscador_20179478954\/corteconstitucionalcronologico202454587\/category\/buscar-en-toda-la-corte\/1995\/tutelas-1995\/' title='Tutelas 1995' class='pt-cv-tax-tutelas-1995'>Tutelas 1995<\/a><\/div>\n<h4 class=\"pt-cv-title\"><a href=\"https:\/\/www.dmsjuridica.com\/buscador_20179478954\/corteconstitucionalcronologico202454587\/t-393-95\/\" class=\"_self\" target=\"_self\" >T 393 95<\/a><\/h4>\n<div class=\"pt-cv-content\">T-393-95 Sentencia No. T-393\/95 DERECHO DE PETICION-Pronta resoluci\u00f3n Cuando se ha hecho uso de los recursos establecidos por la ley para controvertir directamente ante la administraci\u00f3n sus decisiones, ella est\u00e1 obligada a resolver dentro de un t\u00e9rmino prudencial y acorde con la naturaleza misma del asunto, pues, en caso de no hacerlo, existir\u00e1 vulneraci\u00f3n del derecho de petici\u00f3n. Por tanto, en los casos donde no exista una pronta resoluci\u00f3n, la acci\u00f3n de tutela ser\u00e1 el mecanismo para exigir, y ordenar, a la administraci\u00f3n una pronta decisi\u00f3n. La ocurrencia del silencio administrativo no har\u00e1 improcedente la operancia de esta acci\u00f3n. REF: ...<br \/><div class=\"pt-cv-rmwrap\"><a href=\"https:\/\/www.dmsjuridica.com\/buscador_20179478954\/corteconstitucionalcronologico202454587\/t-393-95\/\" class=\"_self pt-cv-readmore btn btn-success\" target=\"_self\">Ver Sentencia Completa...<\/a><\/div><\/div><\/div><\/div>\n<div class=\"col-md-12 col-sm-12 col-xs-12 pt-cv-content-item pt-cv-1-col\" ><div class='pt-cv-ifield'><a href=\"https:\/\/www.dmsjuridica.com\/buscador_20179478954\/corteconstitucionalcronologico202454587\/t-392-95\/\" class=\"_self pt-cv-href-thumbnail pt-cv-thumb-default\" target=\"_self\" ><\/a>\n<div class=\"pt-cv-taxoterm above_title\"><a href='https:\/\/www.dmsjuridica.com\/buscador_20179478954\/corteconstitucionalcronologico202454587\/category\/buscar-en-toda-la-corte\/1995\/tutelas-1995\/' title='Tutelas 1995' class='pt-cv-tax-tutelas-1995'>Tutelas 1995<\/a><\/div>\n<h4 class=\"pt-cv-title\"><a href=\"https:\/\/www.dmsjuridica.com\/buscador_20179478954\/corteconstitucionalcronologico202454587\/t-392-95\/\" class=\"_self\" target=\"_self\" >T 392 95<\/a><\/h4>\n<div class=\"pt-cv-content\">T-392-95 Sentencia No. T-392\/95 JUEZ DE TUTELA-Facultades\/JUEZ DE TUTELA-Derechos invocados Es al juez a quien corresponde examinar y evaluar los hechos y, de conformidad con ese an\u00e1lisis serio y ponderado, resolver si concede o niega la protecci\u00f3n, independientemente de que se haya o no expuesto un \"concepto de la violaci\u00f3n\". A\u00fan m\u00e1s, es posible que el actor realice una menci\u00f3n equivocada del derecho que estima violado o que omita hacer la referencia, sin que ello constituya obst\u00e1culo para acometer el estudio de la solicitud. La tarea del juez de tutela justamente estriba en escudri\u00f1ar la situaci\u00f3n que se le ha ...<br \/><div class=\"pt-cv-rmwrap\"><a href=\"https:\/\/www.dmsjuridica.com\/buscador_20179478954\/corteconstitucionalcronologico202454587\/t-392-95\/\" class=\"_self pt-cv-readmore btn btn-success\" target=\"_self\">Ver Sentencia Completa...<\/a><\/div><\/div><\/div><\/div>\n<div class=\"col-md-12 col-sm-12 col-xs-12 pt-cv-content-item pt-cv-1-col\" ><div class='pt-cv-ifield'><a href=\"https:\/\/www.dmsjuridica.com\/buscador_20179478954\/corteconstitucionalcronologico202454587\/t-391-95\/\" class=\"_self pt-cv-href-thumbnail pt-cv-thumb-default\" target=\"_self\" ><\/a>\n<div class=\"pt-cv-taxoterm above_title\"><a href='https:\/\/www.dmsjuridica.com\/buscador_20179478954\/corteconstitucionalcronologico202454587\/category\/buscar-en-toda-la-corte\/1995\/tutelas-1995\/' title='Tutelas 1995' class='pt-cv-tax-tutelas-1995'>Tutelas 1995<\/a><\/div>\n<h4 class=\"pt-cv-title\"><a href=\"https:\/\/www.dmsjuridica.com\/buscador_20179478954\/corteconstitucionalcronologico202454587\/t-391-95\/\" class=\"_self\" target=\"_self\" >T 391 95<\/a><\/h4>\n<div class=\"pt-cv-content\">T-391-95 Sentencia No. T-391\/95 MALTRATO CONYUGAL-Efecto en los ni\u00f1os Las manifestaciones de violencia en el seno de la familia afectan particularmente el desarrollo de los ni\u00f1os, quienes tienen derecho a gozar de una familia y asimismo, al cuidado y amor, a la educaci\u00f3n y a ser protegidos contra toda forma de violencia f\u00edsica y moral MEDIO DE DEFENSA JUDICIAL INEFICAZ-Casos de maltrato No son de recibo los argumentos de la Juez en cuanto remite a la peticionaria a formular su queja ante las autoridades de polic\u00eda y los jueces de familia, ya que, en el primer evento no nos encontramos ...<br \/><div class=\"pt-cv-rmwrap\"><a href=\"https:\/\/www.dmsjuridica.com\/buscador_20179478954\/corteconstitucionalcronologico202454587\/t-391-95\/\" class=\"_self pt-cv-readmore btn btn-success\" target=\"_self\">Ver Sentencia Completa...<\/a><\/div><\/div><\/div><\/div>\n<div class=\"col-md-12 col-sm-12 col-xs-12 pt-cv-content-item pt-cv-1-col\" ><div class='pt-cv-ifield'><a href=\"https:\/\/www.dmsjuridica.com\/buscador_20179478954\/corteconstitucionalcronologico202454587\/t-390-95\/\" class=\"_self pt-cv-href-thumbnail pt-cv-thumb-default\" target=\"_self\" ><\/a>\n<div class=\"pt-cv-taxoterm above_title\"><a href='https:\/\/www.dmsjuridica.com\/buscador_20179478954\/corteconstitucionalcronologico202454587\/category\/buscar-en-toda-la-corte\/1995\/tutelas-1995\/' title='Tutelas 1995' class='pt-cv-tax-tutelas-1995'>Tutelas 1995<\/a><\/div>\n<h4 class=\"pt-cv-title\"><a href=\"https:\/\/www.dmsjuridica.com\/buscador_20179478954\/corteconstitucionalcronologico202454587\/t-390-95\/\" class=\"_self\" target=\"_self\" >T 390 95<\/a><\/h4>\n<div class=\"pt-cv-content\">T-390-95 Sentencia No. T-390\/95 DERECHO DE PETICION-Pronta resoluci\u00f3n La Corte Constitucional ha sostenido que, en virtud del derecho de petici\u00f3n, los particulares se encuentran en la posibilidad de dirigirse a las autoridades p\u00fablicas, en inter\u00e9s particular o general, para obtener, dentro del t\u00e9rmino legalmente establecido, una respuesta. Cuando la autoridad p\u00fablica omite resolver o produce una decisi\u00f3n tard\u00eda sobre el asunto sometido a su consideraci\u00f3n, conculca el derecho, cuyo n\u00facleo esencial comprende una \"pronta resoluci\u00f3n\". CAJA NACIONAL DE PREVISION SOCIAL-Resoluci\u00f3n de peticiones SILENCIO ADMINISTRATIVO NEGATIVO-Resoluci\u00f3n de solicitudes El silencio administrativo no satisface las exigencias del derecho de petici\u00f3n y que, ...<br \/><div class=\"pt-cv-rmwrap\"><a href=\"https:\/\/www.dmsjuridica.com\/buscador_20179478954\/corteconstitucionalcronologico202454587\/t-390-95\/\" class=\"_self pt-cv-readmore btn btn-success\" target=\"_self\">Ver Sentencia Completa...<\/a><\/div><\/div><\/div><\/div>\n<div class=\"col-md-12 col-sm-12 col-xs-12 pt-cv-content-item pt-cv-1-col\" ><div class='pt-cv-ifield'><a href=\"https:\/\/www.dmsjuridica.com\/buscador_20179478954\/corteconstitucionalcronologico202454587\/t-389-95\/\" class=\"_self pt-cv-href-thumbnail pt-cv-thumb-default\" target=\"_self\" ><\/a>\n<div class=\"pt-cv-taxoterm above_title\"><a href='https:\/\/www.dmsjuridica.com\/buscador_20179478954\/corteconstitucionalcronologico202454587\/category\/buscar-en-toda-la-corte\/1995\/tutelas-1995\/' title='Tutelas 1995' class='pt-cv-tax-tutelas-1995'>Tutelas 1995<\/a><\/div>\n<h4 class=\"pt-cv-title\"><a href=\"https:\/\/www.dmsjuridica.com\/buscador_20179478954\/corteconstitucionalcronologico202454587\/t-389-95\/\" class=\"_self\" target=\"_self\" >T 389 95<\/a><\/h4>\n<div class=\"pt-cv-content\">T-389-95 Sentencia No. T-389\/95 CONCURSO DE MERITOS-Nombramiento de quien obtuvo el primer puesto Al comprender el proceso de selecci\u00f3n varias etapas, los factores de calificaci\u00f3n exigidos deben llenar y satisfacer la totalidad de los requerimientos se\u00f1alados por el ente nominador, para que pueda conllevar a la escogencia de la persona m\u00e1s id\u00f3nea para el correcto desempe\u00f1o del cargo. Esto implica que quien ocupe el primer lugar, es la persona que por sus m\u00e9ritos satisfizo de mejor manera los requisitos para entrar a ejercer el puesto y es a \u00e9l a quien debe el nominador nombrar. SENTENCIA DE INCONSTITUCIONALIDAD-Preexistencia de derechos ...<br \/><div class=\"pt-cv-rmwrap\"><a href=\"https:\/\/www.dmsjuridica.com\/buscador_20179478954\/corteconstitucionalcronologico202454587\/t-389-95\/\" class=\"_self pt-cv-readmore btn btn-success\" target=\"_self\">Ver Sentencia Completa...<\/a><\/div><\/div><\/div><\/div>\n<div class=\"col-md-12 col-sm-12 col-xs-12 pt-cv-content-item pt-cv-1-col\" ><div class='pt-cv-ifield'><a href=\"https:\/\/www.dmsjuridica.com\/buscador_20179478954\/corteconstitucionalcronologico202454587\/t-388-95\/\" class=\"_self pt-cv-href-thumbnail pt-cv-thumb-default\" target=\"_self\" ><\/a>\n<div class=\"pt-cv-taxoterm above_title\"><a href='https:\/\/www.dmsjuridica.com\/buscador_20179478954\/corteconstitucionalcronologico202454587\/category\/buscar-en-toda-la-corte\/1995\/tutelas-1995\/' title='Tutelas 1995' class='pt-cv-tax-tutelas-1995'>Tutelas 1995<\/a><\/div>\n<h4 class=\"pt-cv-title\"><a href=\"https:\/\/www.dmsjuridica.com\/buscador_20179478954\/corteconstitucionalcronologico202454587\/t-388-95\/\" class=\"_self\" target=\"_self\" >T 388 95<\/a><\/h4>\n<div class=\"pt-cv-content\">T-388-95 Sentencia No. T-388\/95 SERVICIO PUBLICO DE EDUCACION-L\u00edmites El acceso y permanencia con respecto a la educaci\u00f3n, est\u00e1 circunscrito a las regulaciones encaminadas a la formaci\u00f3n moral, intelectual y f\u00edsica de los educandos, dentro de las disponibilidades presupuestales y f\u00edsicas del servicio, pues es evidente que no es posible obligar al ingreso a \u00e9ste, frente a los inconvenientes derivados de la falta de escuelas, de personal docente, de dificultades financieras o de la misma estructura y capacidad de cupos. DERECHO A LA EDUCACION-Falta de cupos y de docentes No observa la Sala, \u00e1nimo discriminatorio ni deseo de excluir injustamente al ...<br \/><div class=\"pt-cv-rmwrap\"><a href=\"https:\/\/www.dmsjuridica.com\/buscador_20179478954\/corteconstitucionalcronologico202454587\/t-388-95\/\" class=\"_self pt-cv-readmore btn btn-success\" target=\"_self\">Ver Sentencia Completa...<\/a><\/div><\/div><\/div><\/div>\n<div class=\"col-md-12 col-sm-12 col-xs-12 pt-cv-content-item pt-cv-1-col\" ><div class='pt-cv-ifield'><a href=\"https:\/\/www.dmsjuridica.com\/buscador_20179478954\/corteconstitucionalcronologico202454587\/t-387-95\/\" class=\"_self pt-cv-href-thumbnail pt-cv-thumb-default\" target=\"_self\" ><\/a>\n<div class=\"pt-cv-taxoterm above_title\"><a href='https:\/\/www.dmsjuridica.com\/buscador_20179478954\/corteconstitucionalcronologico202454587\/category\/buscar-en-toda-la-corte\/1995\/tutelas-1995\/' title='Tutelas 1995' class='pt-cv-tax-tutelas-1995'>Tutelas 1995<\/a><\/div>\n<h4 class=\"pt-cv-title\"><a href=\"https:\/\/www.dmsjuridica.com\/buscador_20179478954\/corteconstitucionalcronologico202454587\/t-387-95\/\" class=\"_self\" target=\"_self\" >T 387 95<\/a><\/h4>\n<div class=\"pt-cv-content\">T-387-95 Sentencia No. T-387\/95 ACCION DE TUTELA TEMERARIA-Nuevos hechos La Corporaci\u00f3n revocar\u00e1 el fallo proferido por el Juzgado y proceder\u00e1 a conocer de la tutela de los derechos de la menor que se consideran violados por la accionada, por cuanto existen hechos nuevos respecto del fallo inicialmente adoptado por el Juzgado, consistentes en el traslado de la residencia de la menor y su familia de esta ciudad a Barranquilla, y tambi\u00e9n la negativa del ISS de la capital del Departamento del Atl\u00e1ntico a dar el respectivo tratamiento m\u00e9dico y suministrar los medicamentos requeridos por la menor para preservar su salud ...<br \/><div class=\"pt-cv-rmwrap\"><a href=\"https:\/\/www.dmsjuridica.com\/buscador_20179478954\/corteconstitucionalcronologico202454587\/t-387-95\/\" class=\"_self pt-cv-readmore btn btn-success\" target=\"_self\">Ver Sentencia Completa...<\/a><\/div><\/div><\/div><\/div>\n<div class=\"col-md-12 col-sm-12 col-xs-12 pt-cv-content-item pt-cv-1-col\" ><div class='pt-cv-ifield'><a href=\"https:\/\/www.dmsjuridica.com\/buscador_20179478954\/corteconstitucionalcronologico202454587\/t-386-95\/\" class=\"_self pt-cv-href-thumbnail pt-cv-thumb-default\" target=\"_self\" ><\/a>\n<div class=\"pt-cv-taxoterm above_title\"><a href='https:\/\/www.dmsjuridica.com\/buscador_20179478954\/corteconstitucionalcronologico202454587\/category\/buscar-en-toda-la-corte\/1995\/tutelas-1995\/' title='Tutelas 1995' class='pt-cv-tax-tutelas-1995'>Tutelas 1995<\/a><\/div>\n<h4 class=\"pt-cv-title\"><a href=\"https:\/\/www.dmsjuridica.com\/buscador_20179478954\/corteconstitucionalcronologico202454587\/t-386-95\/\" class=\"_self\" target=\"_self\" >T 386 95<\/a><\/h4>\n<div class=\"pt-cv-content\">T-386-95 Sentencia No. T-386\/95 DERECHO DE ACCESO A LA ADMINISTRACION DE JUSTICIA-Alcance La Constituci\u00f3n, en su art\u00edculo 229, garantiza a las personas que se encuentran en el territorio nacional, cuando crean haber sido v\u00edctimas de una conducta delictiva, que podr\u00e1n acudir ante un funcionario judicial que investigar\u00e1 los hechos, y si es del caso, acusar\u00e1 ante el juez competente al sindicado de la acci\u00f3n il\u00edcita. Lo que no garantiza la Carta es que la decisi\u00f3n de este \u00faltimo acoger\u00e1 las pretensiones de una de las partes y favorecer\u00e1 sus intereses; se hace efectivo este derecho, garantizando a ambas partes su ...<br \/><div class=\"pt-cv-rmwrap\"><a href=\"https:\/\/www.dmsjuridica.com\/buscador_20179478954\/corteconstitucionalcronologico202454587\/t-386-95\/\" class=\"_self pt-cv-readmore btn btn-success\" target=\"_self\">Ver Sentencia Completa...<\/a><\/div><\/div><\/div><\/div>\n<div class=\"col-md-12 col-sm-12 col-xs-12 pt-cv-content-item pt-cv-1-col\" ><div class='pt-cv-ifield'><a href=\"https:\/\/www.dmsjuridica.com\/buscador_20179478954\/corteconstitucionalcronologico202454587\/t-385-95\/\" class=\"_self pt-cv-href-thumbnail pt-cv-thumb-default\" target=\"_self\" ><\/a>\n<div class=\"pt-cv-taxoterm above_title\"><a href='https:\/\/www.dmsjuridica.com\/buscador_20179478954\/corteconstitucionalcronologico202454587\/category\/buscar-en-toda-la-corte\/1995\/tutelas-1995\/' title='Tutelas 1995' class='pt-cv-tax-tutelas-1995'>Tutelas 1995<\/a><\/div>\n<h4 class=\"pt-cv-title\"><a href=\"https:\/\/www.dmsjuridica.com\/buscador_20179478954\/corteconstitucionalcronologico202454587\/t-385-95\/\" class=\"_self\" target=\"_self\" >T 385 95<\/a><\/h4>\n<div class=\"pt-cv-content\">T-385-95 Sentencia No. T-385\/95 JUNTA ADMINISTRADORA LOCAL-Interposici\u00f3n de tutela LEGITIMACION POR ACTIVA EN TUTELA\/JUNTA DE ACCION COMUNAL-Interposici\u00f3n de tutela El presidente de la junta de acci\u00f3n comunal del Barrio, est\u00e1 legitimado para representar, en este proceso de tutela a los residentes de ese barrio que vienen sufriendo una violaci\u00f3n a su derecho fundamental a la educaci\u00f3n, y una amenaza grave contra su derechos a la vida y a la salud, sin que se haga necesario que aqu\u00e9llos le otorguen poder, pues, siendo la tutela una acci\u00f3n p\u00fablica, el ordenamiento vigente le atribuye tal representaci\u00f3n. Adem\u00e1s, es claro que dentro de ...<br \/><div class=\"pt-cv-rmwrap\"><a href=\"https:\/\/www.dmsjuridica.com\/buscador_20179478954\/corteconstitucionalcronologico202454587\/t-385-95\/\" class=\"_self pt-cv-readmore btn btn-success\" target=\"_self\">Ver Sentencia Completa...<\/a><\/div><\/div><\/div><\/div>\n<div class=\"col-md-12 col-sm-12 col-xs-12 pt-cv-content-item pt-cv-1-col\" ><div class='pt-cv-ifield'><a href=\"https:\/\/www.dmsjuridica.com\/buscador_20179478954\/corteconstitucionalcronologico202454587\/t-384-95\/\" class=\"_self pt-cv-href-thumbnail pt-cv-thumb-default\" target=\"_self\" ><\/a>\n<div class=\"pt-cv-taxoterm above_title\"><a href='https:\/\/www.dmsjuridica.com\/buscador_20179478954\/corteconstitucionalcronologico202454587\/category\/buscar-en-toda-la-corte\/1995\/tutelas-1995\/' title='Tutelas 1995' class='pt-cv-tax-tutelas-1995'>Tutelas 1995<\/a><\/div>\n<h4 class=\"pt-cv-title\"><a href=\"https:\/\/www.dmsjuridica.com\/buscador_20179478954\/corteconstitucionalcronologico202454587\/t-384-95\/\" class=\"_self\" target=\"_self\" >T 384 95<\/a><\/h4>\n<div class=\"pt-cv-content\">T-384-95 Sentencia No. T-384\/95 Es censurable bajo todo punto de vista la actitud adoptada por la Facultad de Derecho, al aplicar dr\u00e1sticamente el reglamento al peticionario, cuando en la mayor\u00eda de los casos en que se autoriz\u00f3 el pago en forma extempor\u00e1nea las directivas fueron laxas, e incluso llegaron a inaplicar sus estatutos, pues si se hubiese dado a todos el mismo tratamiento, la mayor\u00eda de las autorizaciones por las que se indag\u00f3 en la ampliaci\u00f3n del informe, habr\u00edan sido negadas. En otros casos, ni siquiera se encontr\u00f3 la solicitud escrita, requisito necesario seg\u00fan lo afirm\u00f3 la directora financiera. Existiendo ...<br \/><div class=\"pt-cv-rmwrap\"><a href=\"https:\/\/www.dmsjuridica.com\/buscador_20179478954\/corteconstitucionalcronologico202454587\/t-384-95\/\" class=\"_self pt-cv-readmore btn btn-success\" target=\"_self\">Ver Sentencia Completa...<\/a><\/div><\/div><\/div><\/div>\n<div class=\"col-md-12 col-sm-12 col-xs-12 pt-cv-content-item pt-cv-1-col\" ><div class='pt-cv-ifield'><a href=\"https:\/\/www.dmsjuridica.com\/buscador_20179478954\/corteconstitucionalcronologico202454587\/t-383-95\/\" class=\"_self pt-cv-href-thumbnail pt-cv-thumb-default\" target=\"_self\" ><\/a>\n<div class=\"pt-cv-taxoterm above_title\"><a href='https:\/\/www.dmsjuridica.com\/buscador_20179478954\/corteconstitucionalcronologico202454587\/category\/buscar-en-toda-la-corte\/1995\/tutelas-1995\/' title='Tutelas 1995' class='pt-cv-tax-tutelas-1995'>Tutelas 1995<\/a><\/div>\n<h4 class=\"pt-cv-title\"><a href=\"https:\/\/www.dmsjuridica.com\/buscador_20179478954\/corteconstitucionalcronologico202454587\/t-383-95\/\" class=\"_self\" target=\"_self\" >T 383 95<\/a><\/h4>\n<div class=\"pt-cv-content\">T-383-95 Sentencia No. T-383\/95 LEGITIMACION POR ACTIVA EN TUTELA\/ACCION DE TUTELA INTERPUESTA POR CONYUGE\/ACCION DE TUTELA-Informalidad La acci\u00f3n de tuela que se estudia tiene como presunta beneficiaria a la se\u00f1ora xx, de 28 a\u00f1os de edad, quien cl\u00ednicamente est\u00e1 normal, en condiciones generales estables seg\u00fan el m\u00e9dico forense, luego es persona apta para acudir ante el Juez y solicitar el amparo. Sin embargo, impetra la tutela quien dice ser su esposo. En verdad, carecer\u00eda de personer\u00eda sustantiva. SERVICIOS PUBLICOS\/SERVICIO PUBLICO DE SALUD\/PRINCIPIO DE CONTINUIDAD El servicio p\u00fablico se caracteriza por la continuidad en la prestaci\u00f3n del mismo. La atenci\u00f3n a ...<br \/><div class=\"pt-cv-rmwrap\"><a href=\"https:\/\/www.dmsjuridica.com\/buscador_20179478954\/corteconstitucionalcronologico202454587\/t-383-95\/\" class=\"_self pt-cv-readmore btn btn-success\" target=\"_self\">Ver Sentencia Completa...<\/a><\/div><\/div><\/div><\/div>\n<div class=\"col-md-12 col-sm-12 col-xs-12 pt-cv-content-item pt-cv-1-col\" ><div class='pt-cv-ifield'><a href=\"https:\/\/www.dmsjuridica.com\/buscador_20179478954\/corteconstitucionalcronologico202454587\/t-382-95\/\" class=\"_self pt-cv-href-thumbnail pt-cv-thumb-default\" target=\"_self\" ><\/a>\n<div class=\"pt-cv-taxoterm above_title\"><a href='https:\/\/www.dmsjuridica.com\/buscador_20179478954\/corteconstitucionalcronologico202454587\/category\/buscar-en-toda-la-corte\/1995\/tutelas-1995\/' title='Tutelas 1995' class='pt-cv-tax-tutelas-1995'>Tutelas 1995<\/a><\/div>\n<h4 class=\"pt-cv-title\"><a href=\"https:\/\/www.dmsjuridica.com\/buscador_20179478954\/corteconstitucionalcronologico202454587\/t-382-95\/\" class=\"_self\" target=\"_self\" >T 382 95<\/a><\/h4>\n<div class=\"pt-cv-content\">T-382-95 Sentencia No. T-382\/95 ACTO ADMINISTRATIVO-Ejecutoriedad\/ACTO ADMINISTRATIVO-Ejecutividad La ejecutoriedad hace referencia a que determinado acto administrativo, cuya finalidad es producir determinados efectos jur\u00eddicos, se presume expedido con base en los elementos legales para su producci\u00f3n y en consecuencia es obligatorio para el administrado y la administraci\u00f3n, raz\u00f3n por la cual puede ser ejecutado directamente por la administraci\u00f3n, sin necesidad de la intervenci\u00f3n de otra autoridad del Estado. ACTO ADMINISTRATIVO-Obligatoriedad Por obligatoriedad se entiende la necesidad de acatamiento de los efectos jur\u00eddicos que se generan a consecuencia del mismo. Abarca tanto a los terceros como al propio ente p\u00fablico y a ...<br \/><div class=\"pt-cv-rmwrap\"><a href=\"https:\/\/www.dmsjuridica.com\/buscador_20179478954\/corteconstitucionalcronologico202454587\/t-382-95\/\" class=\"_self pt-cv-readmore btn btn-success\" target=\"_self\">Ver Sentencia Completa...<\/a><\/div><\/div><\/div><\/div>\n<div class=\"col-md-12 col-sm-12 col-xs-12 pt-cv-content-item pt-cv-1-col\" ><div class='pt-cv-ifield'><a href=\"https:\/\/www.dmsjuridica.com\/buscador_20179478954\/corteconstitucionalcronologico202454587\/t-379-95\/\" class=\"_self pt-cv-href-thumbnail pt-cv-thumb-default\" target=\"_self\" ><\/a>\n<div class=\"pt-cv-taxoterm above_title\"><a href='https:\/\/www.dmsjuridica.com\/buscador_20179478954\/corteconstitucionalcronologico202454587\/category\/buscar-en-toda-la-corte\/1995\/tutelas-1995\/' title='Tutelas 1995' class='pt-cv-tax-tutelas-1995'>Tutelas 1995<\/a><\/div>\n<h4 class=\"pt-cv-title\"><a href=\"https:\/\/www.dmsjuridica.com\/buscador_20179478954\/corteconstitucionalcronologico202454587\/t-379-95\/\" class=\"_self\" target=\"_self\" >T 379 95<\/a><\/h4>\n<div class=\"pt-cv-content\">T-379-95 Sentencia No. T-379\/95 DERECHO AL AMBIENTE SANO-Suministro de agua potable\/DERECHO A LA VIDA\/DERECHO A LA SALUD Siendo el agua un elemento esencial del ambiente, su preservaci\u00f3n, conservaci\u00f3n, uso y manejo est\u00e1 vinculado con el derecho que tienen todas las personas a gozar de un ambiente sano; aparte de que la conservaci\u00f3n de la calidad de las aguas, su aptitud, disponibilidad y suficiencia para el consumo humano, se consideran esenciales para asegurar el goce y vigencia de los derechos fundamentales a la salud y a la vida y los dem\u00e1s que se derivan de estos. ACCION DE TUTELA CONTRA PARTICULARES-Sujeto ...<br \/><div class=\"pt-cv-rmwrap\"><a href=\"https:\/\/www.dmsjuridica.com\/buscador_20179478954\/corteconstitucionalcronologico202454587\/t-379-95\/\" class=\"_self pt-cv-readmore btn btn-success\" target=\"_self\">Ver Sentencia Completa...<\/a><\/div><\/div><\/div><\/div>\n<div class=\"col-md-12 col-sm-12 col-xs-12 pt-cv-content-item pt-cv-1-col\" ><div class='pt-cv-ifield'><a href=\"https:\/\/www.dmsjuridica.com\/buscador_20179478954\/corteconstitucionalcronologico202454587\/t-378-95\/\" class=\"_self pt-cv-href-thumbnail pt-cv-thumb-default\" target=\"_self\" ><\/a>\n<div class=\"pt-cv-taxoterm above_title\"><a href='https:\/\/www.dmsjuridica.com\/buscador_20179478954\/corteconstitucionalcronologico202454587\/category\/buscar-en-toda-la-corte\/1995\/tutelas-1995\/' title='Tutelas 1995' class='pt-cv-tax-tutelas-1995'>Tutelas 1995<\/a><\/div>\n<h4 class=\"pt-cv-title\"><a href=\"https:\/\/www.dmsjuridica.com\/buscador_20179478954\/corteconstitucionalcronologico202454587\/t-378-95\/\" class=\"_self\" target=\"_self\" >T 378 95<\/a><\/h4>\n<div class=\"pt-cv-content\">T-378-95 ACCION DE TUTELA CONTRA PERSONA NATURAL De la tutela no est\u00e1n exclu\u00eddas las personas jur\u00eddicas, pues las cobijan tambi\u00e9n derechos fundamentales como el de asociaci\u00f3n, el del debido proceso, el de la intimidad o el de la honra y el buen nombre, ha de resaltarse en esta ocasi\u00f3n que quienes pueden actuar en ejercicio de tal acci\u00f3n son todas las personas, sin que el Constituyente haya discriminado entre ellas, y que los sujetos en capacidad de violar o de amenazar los derechos fundamentales y contra quienes puede acudirse a los jueces en demanda de amparo no son exclusivamente entidades ...<br \/><div class=\"pt-cv-rmwrap\"><a href=\"https:\/\/www.dmsjuridica.com\/buscador_20179478954\/corteconstitucionalcronologico202454587\/t-378-95\/\" class=\"_self pt-cv-readmore btn btn-success\" target=\"_self\">Ver Sentencia Completa...<\/a><\/div><\/div><\/div><\/div>\n<div class=\"col-md-12 col-sm-12 col-xs-12 pt-cv-content-item pt-cv-1-col\" ><div class='pt-cv-ifield'><a href=\"https:\/\/www.dmsjuridica.com\/buscador_20179478954\/corteconstitucionalcronologico202454587\/t-377-95\/\" class=\"_self pt-cv-href-thumbnail pt-cv-thumb-default\" target=\"_self\" ><\/a>\n<div class=\"pt-cv-taxoterm above_title\"><a href='https:\/\/www.dmsjuridica.com\/buscador_20179478954\/corteconstitucionalcronologico202454587\/category\/buscar-en-toda-la-corte\/1995\/tutelas-1995\/' title='Tutelas 1995' class='pt-cv-tax-tutelas-1995'>Tutelas 1995<\/a><\/div>\n<h4 class=\"pt-cv-title\"><a href=\"https:\/\/www.dmsjuridica.com\/buscador_20179478954\/corteconstitucionalcronologico202454587\/t-377-95\/\" class=\"_self\" target=\"_self\" >T 377 95<\/a><\/h4>\n<div class=\"pt-cv-content\">T-377-95 Sentencia No. T-377\/95 DERECHO A LA EDUCACION-Importancia\/ESTADO SOCIAL DE DERECHO\/ESTUDIANTE EN UNION DE HECHO La educaci\u00f3n en un Estado Social de Derecho ha de propender porque cada uno de los actores del proceso educativo, especialmente los alumnos, se apropie e interiorice principios fundamentales para la convivencia humana, tales como la tolerancia, el respeto a la diversidad y la igualdad en la diferencia. No basta, por parte del ente educador, con el cumplimiento estricto de la mera labor de instrucci\u00f3n y con el desarrollo de un modelo pedag\u00f3gico restringido, que simplemente pretenda homogenizar comportamientos y actitudes ante la vida, como, ...<br \/><div class=\"pt-cv-rmwrap\"><a href=\"https:\/\/www.dmsjuridica.com\/buscador_20179478954\/corteconstitucionalcronologico202454587\/t-377-95\/\" class=\"_self pt-cv-readmore btn btn-success\" target=\"_self\">Ver Sentencia Completa...<\/a><\/div><\/div><\/div><\/div>\n<div class=\"col-md-12 col-sm-12 col-xs-12 pt-cv-content-item pt-cv-1-col\" ><div class='pt-cv-ifield'><a href=\"https:\/\/www.dmsjuridica.com\/buscador_20179478954\/corteconstitucionalcronologico202454587\/t-372-95\/\" class=\"_self pt-cv-href-thumbnail pt-cv-thumb-default\" target=\"_self\" ><\/a>\n<div class=\"pt-cv-taxoterm above_title\"><a href='https:\/\/www.dmsjuridica.com\/buscador_20179478954\/corteconstitucionalcronologico202454587\/category\/buscar-en-toda-la-corte\/1995\/tutelas-1995\/' title='Tutelas 1995' class='pt-cv-tax-tutelas-1995'>Tutelas 1995<\/a><\/div>\n<h4 class=\"pt-cv-title\"><a href=\"https:\/\/www.dmsjuridica.com\/buscador_20179478954\/corteconstitucionalcronologico202454587\/t-372-95\/\" class=\"_self\" target=\"_self\" >T 372 95<\/a><\/h4>\n<div class=\"pt-cv-content\">T-372-95 Sentencia No. T-372\/95 CONCURSO DE MERITOS-Bases Al se\u00f1alarse por la administraci\u00f3n las bases del concurso, estas se convierten en reglas particulares obligatorias tanto para los participantes como para aqu\u00e9lla; es decir, que a trav\u00e9s de dichas reglas la administraci\u00f3n se autovincula y autocontrola, en el sentido de que debe respetarlas y que su actividad, en cuanto a la selecci\u00f3n de los aspirantes que califiquen para acceder al empleo o empleos correspondientes, se encuentra previamente regulada, de modo que no puede actuar en forma discrecional al realizar dicha selecci\u00f3n. CARRERA ADMINISTRATIVA-Nombramiento de quien obtuvo el primer lugar Sea cual fuere ...<br \/><div class=\"pt-cv-rmwrap\"><a href=\"https:\/\/www.dmsjuridica.com\/buscador_20179478954\/corteconstitucionalcronologico202454587\/t-372-95\/\" class=\"_self pt-cv-readmore btn btn-success\" target=\"_self\">Ver Sentencia Completa...<\/a><\/div><\/div><\/div><\/div>\n<div class=\"col-md-12 col-sm-12 col-xs-12 pt-cv-content-item pt-cv-1-col\" ><div class='pt-cv-ifield'><a href=\"https:\/\/www.dmsjuridica.com\/buscador_20179478954\/corteconstitucionalcronologico202454587\/t-371-95\/\" class=\"_self pt-cv-href-thumbnail pt-cv-thumb-default\" target=\"_self\" ><\/a>\n<div class=\"pt-cv-taxoterm above_title\"><a href='https:\/\/www.dmsjuridica.com\/buscador_20179478954\/corteconstitucionalcronologico202454587\/category\/buscar-en-toda-la-corte\/1995\/tutelas-1995\/' title='Tutelas 1995' class='pt-cv-tax-tutelas-1995'>Tutelas 1995<\/a><\/div>\n<h4 class=\"pt-cv-title\"><a href=\"https:\/\/www.dmsjuridica.com\/buscador_20179478954\/corteconstitucionalcronologico202454587\/t-371-95\/\" class=\"_self\" target=\"_self\" >T 371 95<\/a><\/h4>\n<div class=\"pt-cv-content\">T-371-95 Sentencia No. T-371\/95 ACCION DE TUTELA CONTRA LOS PADRES\/MAYORIA DE EDAD\/INDEFENSION-Inexistencia Se presume la indefensi\u00f3n del menor que solicite la tutela. Pero, si se trata de un mayor de 18 a\u00f1os, como en el caso de la presente tutela, NO se presume la indefensi\u00f3n. Si con el prop\u00f3sito de superar esas desaveniencias, hay ofrecimientos de parte de los padres para ayudar a su hijo mayor de edad, aquellos propuestas, en cuanto a la valoraci\u00f3n jur\u00eddica, pueden ser m\u00e1s que un deber moral y adquirir la categor\u00eda de obligaciones meramente naturales o a\u00fan de obligaciones civiles, art. 1527 del C.C ...<br \/><div class=\"pt-cv-rmwrap\"><a href=\"https:\/\/www.dmsjuridica.com\/buscador_20179478954\/corteconstitucionalcronologico202454587\/t-371-95\/\" class=\"_self pt-cv-readmore btn btn-success\" target=\"_self\">Ver Sentencia Completa...<\/a><\/div><\/div><\/div><\/div>\n<div class=\"col-md-12 col-sm-12 col-xs-12 pt-cv-content-item pt-cv-1-col\" ><div class='pt-cv-ifield'><a href=\"https:\/\/www.dmsjuridica.com\/buscador_20179478954\/corteconstitucionalcronologico202454587\/t-370-95\/\" class=\"_self pt-cv-href-thumbnail pt-cv-thumb-default\" target=\"_self\" ><\/a>\n<div class=\"pt-cv-taxoterm above_title\"><a href='https:\/\/www.dmsjuridica.com\/buscador_20179478954\/corteconstitucionalcronologico202454587\/category\/buscar-en-toda-la-corte\/1995\/tutelas-1995\/' title='Tutelas 1995' class='pt-cv-tax-tutelas-1995'>Tutelas 1995<\/a><\/div>\n<h4 class=\"pt-cv-title\"><a href=\"https:\/\/www.dmsjuridica.com\/buscador_20179478954\/corteconstitucionalcronologico202454587\/t-370-95\/\" class=\"_self\" target=\"_self\" >T 370 95<\/a><\/h4>\n<div class=\"pt-cv-content\">T-370-95 Sentencia No. T-370\/95 DERECHO DE PETICION-Contenido Es cierto que la accionante obtuvo, inicialmente, una respuesta que se acomoda a la preceptiva del art\u00edculo 6 del C.C.A., de acuerdo con cuyas voces, cuando no sea posible contestar en el plazo de 15 d\u00edas \"se deber\u00e1 informar as\u00ed al interesado, expresando los motivos de la demora y se\u00f1alando a la vez la fecha en que se resolver\u00e1 o dar\u00e1 respuesta\"; pero el s\u00f3lo hecho de producir la comunicaci\u00f3n en la que se informe de esa circunstancia no es suficiente para predicar que el derecho de petici\u00f3n fue cabalmente observado. Si se ...<br \/><div class=\"pt-cv-rmwrap\"><a href=\"https:\/\/www.dmsjuridica.com\/buscador_20179478954\/corteconstitucionalcronologico202454587\/t-370-95\/\" class=\"_self pt-cv-readmore btn btn-success\" target=\"_self\">Ver Sentencia Completa...<\/a><\/div><\/div><\/div><\/div>\n<div class=\"col-md-12 col-sm-12 col-xs-12 pt-cv-content-item pt-cv-1-col\" ><div class='pt-cv-ifield'><a href=\"https:\/\/www.dmsjuridica.com\/buscador_20179478954\/corteconstitucionalcronologico202454587\/t-369-95\/\" class=\"_self pt-cv-href-thumbnail pt-cv-thumb-default\" target=\"_self\" ><\/a>\n<div class=\"pt-cv-taxoterm above_title\"><a href='https:\/\/www.dmsjuridica.com\/buscador_20179478954\/corteconstitucionalcronologico202454587\/category\/buscar-en-toda-la-corte\/1995\/tutelas-1995\/' title='Tutelas 1995' class='pt-cv-tax-tutelas-1995'>Tutelas 1995<\/a><\/div>\n<h4 class=\"pt-cv-title\"><a href=\"https:\/\/www.dmsjuridica.com\/buscador_20179478954\/corteconstitucionalcronologico202454587\/t-369-95\/\" class=\"_self\" target=\"_self\" >T 369 95<\/a><\/h4>\n<div class=\"pt-cv-content\">T-369-95 Sentencia No. T-369\/95 DERECHOS DEL NI\u00d1O\/DERECHOS DEL NI\u00d1O A TENER UNA FAMILIA \/COLOCACION FAMILIAR La Corte, obligada a hacer prevalecer el derecho sustancial, no pueden ignorar que la COLOCACION FAMILIAR queda incluida dentro de la protecci\u00f3n que se le da a la FAMILIA. Protecci\u00f3n temporal, mientras el menor es acogido por su familia de origen o por la familia adoptante. ACCION DE TUTELA TRANSITORIA A FAVOR DE MENOR\/ABUSO SEXUAL En la presente tutela es obvio que el lugar menos adecuado para que viviera la ni\u00f1a era la habitaci\u00f3n del padre; y ser\u00e1n las autoridades correspondientes quienes en definitiva resolver ...<br \/><div class=\"pt-cv-rmwrap\"><a href=\"https:\/\/www.dmsjuridica.com\/buscador_20179478954\/corteconstitucionalcronologico202454587\/t-369-95\/\" class=\"_self pt-cv-readmore btn btn-success\" target=\"_self\">Ver Sentencia Completa...<\/a><\/div><\/div><\/div><\/div>\n<div class=\"col-md-12 col-sm-12 col-xs-12 pt-cv-content-item pt-cv-1-col\" ><div class='pt-cv-ifield'><a href=\"https:\/\/www.dmsjuridica.com\/buscador_20179478954\/corteconstitucionalcronologico202454587\/t-368-95\/\" class=\"_self pt-cv-href-thumbnail pt-cv-thumb-default\" target=\"_self\" ><\/a>\n<div class=\"pt-cv-taxoterm above_title\"><a href='https:\/\/www.dmsjuridica.com\/buscador_20179478954\/corteconstitucionalcronologico202454587\/category\/buscar-en-toda-la-corte\/1995\/tutelas-1995\/' title='Tutelas 1995' class='pt-cv-tax-tutelas-1995'>Tutelas 1995<\/a><\/div>\n<h4 class=\"pt-cv-title\"><a href=\"https:\/\/www.dmsjuridica.com\/buscador_20179478954\/corteconstitucionalcronologico202454587\/t-368-95\/\" class=\"_self\" target=\"_self\" >T 368 95<\/a><\/h4>\n<div class=\"pt-cv-content\">T-368-95 Sentencia No. T-368\/95 CESACION DE LA ACTUACION IMPUGNADA-Naturaleza de la providencia Aquellas providencias que se dictan con base en el art\u00edculo 26 del decreto 2591 de 1991, esto es por cesaci\u00f3n de la acci\u00f3n impugnada, tambi\u00e9n constituyen fallos. En efecto, el tenor literal de la norma no ordena, en manera alguna, que el juez de tutela deba terminar su actuaci\u00f3n por medio de una providencia particular diferente a un fallo. En s\u00edntesis, lo que cesa es la actuaci\u00f3n impugnada y no la actuaci\u00f3n del juez de tutela. IMPUGNACION FALLO DE TUTELA La impugnaci\u00f3n de los fallos de tutela busca ...<br \/><div class=\"pt-cv-rmwrap\"><a href=\"https:\/\/www.dmsjuridica.com\/buscador_20179478954\/corteconstitucionalcronologico202454587\/t-368-95\/\" class=\"_self pt-cv-readmore btn btn-success\" target=\"_self\">Ver Sentencia Completa...<\/a><\/div><\/div><\/div><\/div>\n<div class=\"col-md-12 col-sm-12 col-xs-12 pt-cv-content-item pt-cv-1-col\" ><div class='pt-cv-ifield'><a href=\"https:\/\/www.dmsjuridica.com\/buscador_20179478954\/corteconstitucionalcronologico202454587\/t-365-95\/\" class=\"_self pt-cv-href-thumbnail pt-cv-thumb-default\" target=\"_self\" ><\/a>\n<div class=\"pt-cv-taxoterm above_title\"><a href='https:\/\/www.dmsjuridica.com\/buscador_20179478954\/corteconstitucionalcronologico202454587\/category\/buscar-en-toda-la-corte\/1995\/tutelas-1995\/' title='Tutelas 1995' class='pt-cv-tax-tutelas-1995'>Tutelas 1995<\/a><\/div>\n<h4 class=\"pt-cv-title\"><a href=\"https:\/\/www.dmsjuridica.com\/buscador_20179478954\/corteconstitucionalcronologico202454587\/t-365-95\/\" class=\"_self\" target=\"_self\" >T 365 95<\/a><\/h4>\n<div class=\"pt-cv-content\">T-365-95 Sentencia No. T-365\/95 FISCAL-No puede interponer acci\u00f3n de tutela\/LEGITIMACION POR ACTIVA EN TUTELA REFERENCIA: Expediente T-64176. PETICIONARIO: Saray Londo\u00f1o Ossa y Otro. PROCEDENCIA: Tribunal Superior de Medell\u00edn -Sala de Decisi\u00f3n Penal. TEMA: Falta de legitimaci\u00f3n de la Fiscal\u00eda para intentar la acci\u00f3n de tutela. MAGISTRADO PONENTE: ANTONIO BARRERA CARBONELL Aprobada en Santaf\u00e9 de Bogot\u00e1, D.C., a los catorce (14) d\u00edas del mes de agosto de mil novecientos noventa y cinco (1995). La Sala Segunda de Revisi\u00f3n de la Corte Constitucional, integrada por los Magistrados ANTONIO BARRERA CARBONELL, EDUARDO CIFUENTES MU\u00d1OZ Y CARLOS GAVIRIA DIAZ, revisa el proceso de la ...<br \/><div class=\"pt-cv-rmwrap\"><a href=\"https:\/\/www.dmsjuridica.com\/buscador_20179478954\/corteconstitucionalcronologico202454587\/t-365-95\/\" class=\"_self pt-cv-readmore btn btn-success\" target=\"_self\">Ver Sentencia Completa...<\/a><\/div><\/div><\/div><\/div>\n<div class=\"col-md-12 col-sm-12 col-xs-12 pt-cv-content-item pt-cv-1-col\" ><div class='pt-cv-ifield'><a href=\"https:\/\/www.dmsjuridica.com\/buscador_20179478954\/corteconstitucionalcronologico202454587\/t-364-95\/\" class=\"_self pt-cv-href-thumbnail pt-cv-thumb-default\" target=\"_self\" ><\/a>\n<div class=\"pt-cv-taxoterm above_title\"><a href='https:\/\/www.dmsjuridica.com\/buscador_20179478954\/corteconstitucionalcronologico202454587\/category\/buscar-en-toda-la-corte\/1995\/tutelas-1995\/' title='Tutelas 1995' class='pt-cv-tax-tutelas-1995'>Tutelas 1995<\/a><\/div>\n<h4 class=\"pt-cv-title\"><a href=\"https:\/\/www.dmsjuridica.com\/buscador_20179478954\/corteconstitucionalcronologico202454587\/t-364-95\/\" class=\"_self\" target=\"_self\" >T 364 95<\/a><\/h4>\n<div class=\"pt-cv-content\">T-364-95 Sentencia No. T-364\/95 ACCION DE TUTELA CONTRA UNIVERSIDAD NARI\u00d1O\/DERECHO A LA IGUALDAD-Vulneraci\u00f3n por discriminaci\u00f3n entre docentes Se configura una violaci\u00f3n a la prohibici\u00f3n de generar una discriminaci\u00f3n entre profesores pensionados del mismo nivel o equivalentes pertenecientes al mismo organismo o entidad, otorgando tratamiento privilegiado para unos en detrimento de otro, sin justificaci\u00f3n razonable, creando condiciones desiguales para circunstancias iguales, puesto que el peticionario posee el mismo estatus jur\u00eddico de pensionado que los dem\u00e1s profesores pensionados del ente universitario educativo y mayor puntaje en su calificaci\u00f3n de hoja de vida para efectos pensionales, que los restantes docentes de la Universidad ...<br \/><div class=\"pt-cv-rmwrap\"><a href=\"https:\/\/www.dmsjuridica.com\/buscador_20179478954\/corteconstitucionalcronologico202454587\/t-364-95\/\" class=\"_self pt-cv-readmore btn btn-success\" target=\"_self\">Ver Sentencia Completa...<\/a><\/div><\/div><\/div><\/div>\n<div class=\"col-md-12 col-sm-12 col-xs-12 pt-cv-content-item pt-cv-1-col\" ><div class='pt-cv-ifield'><a href=\"https:\/\/www.dmsjuridica.com\/buscador_20179478954\/corteconstitucionalcronologico202454587\/t-363-95\/\" class=\"_self pt-cv-href-thumbnail pt-cv-thumb-default\" target=\"_self\" ><\/a>\n<div class=\"pt-cv-taxoterm above_title\"><a href='https:\/\/www.dmsjuridica.com\/buscador_20179478954\/corteconstitucionalcronologico202454587\/category\/buscar-en-toda-la-corte\/1995\/tutelas-1995\/' title='Tutelas 1995' class='pt-cv-tax-tutelas-1995'>Tutelas 1995<\/a><\/div>\n<h4 class=\"pt-cv-title\"><a href=\"https:\/\/www.dmsjuridica.com\/buscador_20179478954\/corteconstitucionalcronologico202454587\/t-363-95\/\" class=\"_self\" target=\"_self\" >T 363 95<\/a><\/h4>\n<div class=\"pt-cv-content\">T-363-95 Sentencia No. T-363\/95 La de prestar el servicio militar es una obligaci\u00f3n de naturaleza constitucional que corresponde a exigencias m\u00ednimas derivadas del deber gen\u00e9rico impuesto a los nacionales respecto del sostenimiento y defensa de la soberan\u00eda, la guarda del orden institucional y el mantenimiento del orden p\u00fablico. SERVICIO MILITAR-Taxatividad de las causales de exenci\u00f3n El car\u00e1cter taxativo de las causales de exenci\u00f3n del servicio militar se deriva de la misma Constituci\u00f3n Pol\u00edtica, que no las hace extensivas m\u00e1s all\u00e1 de los l\u00edmites de la ley, por lo cual no es l\u00edcito al int\u00e9rprete y menos todav\u00eda a las propias ...<br \/><div class=\"pt-cv-rmwrap\"><a href=\"https:\/\/www.dmsjuridica.com\/buscador_20179478954\/corteconstitucionalcronologico202454587\/t-363-95\/\" class=\"_self pt-cv-readmore btn btn-success\" target=\"_self\">Ver Sentencia Completa...<\/a><\/div><\/div><\/div><\/div>\n<div class=\"col-md-12 col-sm-12 col-xs-12 pt-cv-content-item pt-cv-1-col\" ><div class='pt-cv-ifield'><a href=\"https:\/\/www.dmsjuridica.com\/buscador_20179478954\/corteconstitucionalcronologico202454587\/t-362-95\/\" class=\"_self pt-cv-href-thumbnail pt-cv-thumb-default\" target=\"_self\" ><\/a>\n<div class=\"pt-cv-taxoterm above_title\"><a href='https:\/\/www.dmsjuridica.com\/buscador_20179478954\/corteconstitucionalcronologico202454587\/category\/buscar-en-toda-la-corte\/1995\/tutelas-1995\/' title='Tutelas 1995' class='pt-cv-tax-tutelas-1995'>Tutelas 1995<\/a><\/div>\n<h4 class=\"pt-cv-title\"><a href=\"https:\/\/www.dmsjuridica.com\/buscador_20179478954\/corteconstitucionalcronologico202454587\/t-362-95\/\" class=\"_self\" target=\"_self\" >T 362 95<\/a><\/h4>\n<div class=\"pt-cv-content\">T-362-95 Sentencia No. T-362\/95 DERECHOS FUNDAMENTALES DEL TRABAJADOR\/IUS VARIANDI\/JORNADA LABORAL-Modificaci\u00f3n El cambio repentino de la jornada laboral del trabajador por parte del empleador resultar\u00e1 leg\u00edtimo siempre que este se produzca de buena fe y no tenga como finalidad directa lesionar los derechos fundamentales del trabajador. El ius variandi, desde una perspectiva constitucional no autoriza al empleador para ejercitar su poder de mando de manera arbitraria. Los patronos hicieron uso adecuado de una facultad contractual - reflejo de la subordinaci\u00f3n del trabajador frente al empleador - que les permit\u00eda modificar los horarios de trabajo de acuerdo con las necesidades del gimnasio ...<br \/><div class=\"pt-cv-rmwrap\"><a href=\"https:\/\/www.dmsjuridica.com\/buscador_20179478954\/corteconstitucionalcronologico202454587\/t-362-95\/\" class=\"_self pt-cv-readmore btn btn-success\" target=\"_self\">Ver Sentencia Completa...<\/a><\/div><\/div><\/div><\/div>\n<div class=\"col-md-12 col-sm-12 col-xs-12 pt-cv-content-item pt-cv-1-col\" ><div class='pt-cv-ifield'><a href=\"https:\/\/www.dmsjuridica.com\/buscador_20179478954\/corteconstitucionalcronologico202454587\/t-361-95\/\" class=\"_self pt-cv-href-thumbnail pt-cv-thumb-default\" target=\"_self\" ><\/a>\n<div class=\"pt-cv-taxoterm above_title\"><a href='https:\/\/www.dmsjuridica.com\/buscador_20179478954\/corteconstitucionalcronologico202454587\/category\/buscar-en-toda-la-corte\/1995\/tutelas-1995\/' title='Tutelas 1995' class='pt-cv-tax-tutelas-1995'>Tutelas 1995<\/a><\/div>\n<h4 class=\"pt-cv-title\"><a href=\"https:\/\/www.dmsjuridica.com\/buscador_20179478954\/corteconstitucionalcronologico202454587\/t-361-95\/\" class=\"_self\" target=\"_self\" >T 361 95<\/a><\/h4>\n<div class=\"pt-cv-content\">T-361-95 Sentencia No. T-361\/95 LEGITIMACION POR ACTIVA EN TUTELA El actor se encuentra legitimado para demandar el amparo solicitado en nombre propio; pero no est\u00e1 habilitado para intentar la acci\u00f3n de tutela en nombre de sus dem\u00e1s compa\u00f1eros de trabajo que fueron separados del cargo, pues no ha acreditado la representaci\u00f3n de dichas personas ni ha manifestado actuar como agente oficioso en raz\u00f3n de no estar \u00e9stas en condiciones de promover su propia defensa. ACCION DE NULIDAD Y RESTABLECIMIENTO DEL DERECHO\/ACCION DE TUTELA-Improcedencia\/PERJUICIO IRREMEDIABLE-Inexistencia La pretensi\u00f3n del peticionario puede ser actuada por medio del ejercicio de la acci\u00f3n de nulidad ...<br \/><div class=\"pt-cv-rmwrap\"><a href=\"https:\/\/www.dmsjuridica.com\/buscador_20179478954\/corteconstitucionalcronologico202454587\/t-361-95\/\" class=\"_self pt-cv-readmore btn btn-success\" target=\"_self\">Ver Sentencia Completa...<\/a><\/div><\/div><\/div><\/div>\n<div class=\"col-md-12 col-sm-12 col-xs-12 pt-cv-content-item pt-cv-1-col\" ><div class='pt-cv-ifield'><a href=\"https:\/\/www.dmsjuridica.com\/buscador_20179478954\/corteconstitucionalcronologico202454587\/t-360-95\/\" class=\"_self pt-cv-href-thumbnail pt-cv-thumb-default\" target=\"_self\" ><\/a>\n<div class=\"pt-cv-taxoterm above_title\"><a href='https:\/\/www.dmsjuridica.com\/buscador_20179478954\/corteconstitucionalcronologico202454587\/category\/buscar-en-toda-la-corte\/1995\/tutelas-1995\/' title='Tutelas 1995' class='pt-cv-tax-tutelas-1995'>Tutelas 1995<\/a><\/div>\n<h4 class=\"pt-cv-title\"><a href=\"https:\/\/www.dmsjuridica.com\/buscador_20179478954\/corteconstitucionalcronologico202454587\/t-360-95\/\" class=\"_self\" target=\"_self\" >T 360 95<\/a><\/h4>\n<div class=\"pt-cv-content\">T-360-95 Sentencia No. T-360\/95 DERECHO AL BUEN NOMBRE El derecho fundamental al buen nombre hace relaci\u00f3n al comportamiento que tiene y debe observar el individuo frente a los dem\u00e1s miembros de la sociedad, por lo que representa uno de los m\u00e1s valiosos elementos del patrimonio moral y social de la persona. Por ello, pretender reclamar respeto y consideraci\u00f3n al buen nombre por quien ha incurrido en actos u omisiones generados por el incumplimiento en sus obligaciones no es posible, pues por su propia voluntad ha ocasionado la p\u00e9rdida de la aceptaci\u00f3n de que gozaba en sociedad; menos a\u00fan puede aspirar ...<br \/><div class=\"pt-cv-rmwrap\"><a href=\"https:\/\/www.dmsjuridica.com\/buscador_20179478954\/corteconstitucionalcronologico202454587\/t-360-95\/\" class=\"_self pt-cv-readmore btn btn-success\" target=\"_self\">Ver Sentencia Completa...<\/a><\/div><\/div><\/div><\/div>\n<div class=\"col-md-12 col-sm-12 col-xs-12 pt-cv-content-item pt-cv-1-col\" ><div class='pt-cv-ifield'><a href=\"https:\/\/www.dmsjuridica.com\/buscador_20179478954\/corteconstitucionalcronologico202454587\/t-359-95\/\" class=\"_self pt-cv-href-thumbnail pt-cv-thumb-default\" target=\"_self\" ><\/a>\n<div class=\"pt-cv-taxoterm above_title\"><a href='https:\/\/www.dmsjuridica.com\/buscador_20179478954\/corteconstitucionalcronologico202454587\/category\/buscar-en-toda-la-corte\/1995\/tutelas-1995\/' title='Tutelas 1995' class='pt-cv-tax-tutelas-1995'>Tutelas 1995<\/a><\/div>\n<h4 class=\"pt-cv-title\"><a href=\"https:\/\/www.dmsjuridica.com\/buscador_20179478954\/corteconstitucionalcronologico202454587\/t-359-95\/\" class=\"_self\" target=\"_self\" >T 359 95<\/a><\/h4>\n<div class=\"pt-cv-content\">T-359-95 Sentencia No. T-359\/95 PRESTACIONES SOCIALES-Mora en el pago\/PROCESO EJECUTIVO LABORAL Si bien cuando se advierte que existe por parte de la Administraci\u00f3n una demora no razonable e injustificada para el cumplimiento de una obligaci\u00f3n laboral, o cuando se ha vulnerado el derecho de petici\u00f3n del solicitante, el juez de tutela en procura de la efectividad de los derechos laborales, est\u00e1 facultado para ordenar la liquidaci\u00f3n y pago de los mismos y en tal caso tutelar los derechos del trabajador, no puede hacerlo cuando para lograr la efectividad de esos derechos existan otros mecanismos de protecci\u00f3n judicial, como sucede en ...<br \/><div class=\"pt-cv-rmwrap\"><a href=\"https:\/\/www.dmsjuridica.com\/buscador_20179478954\/corteconstitucionalcronologico202454587\/t-359-95\/\" class=\"_self pt-cv-readmore btn btn-success\" target=\"_self\">Ver Sentencia Completa...<\/a><\/div><\/div><\/div><\/div>\n<div class=\"col-md-12 col-sm-12 col-xs-12 pt-cv-content-item pt-cv-1-col\" ><div class='pt-cv-ifield'><a href=\"https:\/\/www.dmsjuridica.com\/buscador_20179478954\/corteconstitucionalcronologico202454587\/t-358-95\/\" class=\"_self pt-cv-href-thumbnail pt-cv-thumb-default\" target=\"_self\" ><\/a>\n<div class=\"pt-cv-taxoterm above_title\"><a href='https:\/\/www.dmsjuridica.com\/buscador_20179478954\/corteconstitucionalcronologico202454587\/category\/buscar-en-toda-la-corte\/1995\/tutelas-1995\/' title='Tutelas 1995' class='pt-cv-tax-tutelas-1995'>Tutelas 1995<\/a><\/div>\n<h4 class=\"pt-cv-title\"><a href=\"https:\/\/www.dmsjuridica.com\/buscador_20179478954\/corteconstitucionalcronologico202454587\/t-358-95\/\" class=\"_self\" target=\"_self\" >T 358 95<\/a><\/h4>\n<div class=\"pt-cv-content\">T-358-95 Sentencia No. T-358\/95 SERVICIO MILITAR-Desacuartelamiento\/SERVICIO MILITAR-Uni\u00f3n de hecho\/DERECHOS DEL NI\u00d1O La orden de desacuartelamiento no se orienta a la protecci\u00f3n de los derechos del soldado sino a amparar los derechos constitucionales fundamentales de los menores. Privar de esta ayuda a una joven de diecisiete a\u00f1os de edad, desempleada y en estado de gravidez entra\u00f1a un enorme grado de desprotecci\u00f3n que afecta a la madre y al hijo que espera, ante lo cual cobra notable importancia la presencia del esposo y padre que, en las circunstancias anotadas, es el \u00fanico llamado a proveer lo necesario, toda vez que, en la ...<br \/><div class=\"pt-cv-rmwrap\"><a href=\"https:\/\/www.dmsjuridica.com\/buscador_20179478954\/corteconstitucionalcronologico202454587\/t-358-95\/\" class=\"_self pt-cv-readmore btn btn-success\" target=\"_self\">Ver Sentencia Completa...<\/a><\/div><\/div><\/div><\/div>\n<div class=\"col-md-12 col-sm-12 col-xs-12 pt-cv-content-item pt-cv-1-col\" ><div class='pt-cv-ifield'><a href=\"https:\/\/www.dmsjuridica.com\/buscador_20179478954\/corteconstitucionalcronologico202454587\/t-357-95\/\" class=\"_self pt-cv-href-thumbnail pt-cv-thumb-default\" target=\"_self\" ><\/a>\n<div class=\"pt-cv-taxoterm above_title\"><a href='https:\/\/www.dmsjuridica.com\/buscador_20179478954\/corteconstitucionalcronologico202454587\/category\/buscar-en-toda-la-corte\/1995\/tutelas-1995\/' title='Tutelas 1995' class='pt-cv-tax-tutelas-1995'>Tutelas 1995<\/a><\/div>\n<h4 class=\"pt-cv-title\"><a href=\"https:\/\/www.dmsjuridica.com\/buscador_20179478954\/corteconstitucionalcronologico202454587\/t-357-95\/\" class=\"_self\" target=\"_self\" >T 357 95<\/a><\/h4>\n<div class=\"pt-cv-content\">T-357-95 Sentencia No. T-357\/95 Uno de los supuestos dentro de los cuales se puede dar la tutela contra un particular es cuando la conducta de \u00e9ste afecte grave y directamente el inter\u00e9s colectivo, esto es, \"un inter\u00e9s que abarca un n\u00famero plural de personas que se ven afectadas por la conducta nociva desplegada por un particular\". En efecto, un particular puede superar el \u00e1mbito de ejercicio de sus derechos transgrediendo ileg\u00edtimamente un derecho colectivo, el cual es un inter\u00e9s de ese mismo tenor. El goce del derecho esta relativizado por las variantes se\u00f1aladas, con lo cual su ejercicio se torna ...<br \/><div class=\"pt-cv-rmwrap\"><a href=\"https:\/\/www.dmsjuridica.com\/buscador_20179478954\/corteconstitucionalcronologico202454587\/t-357-95\/\" class=\"_self pt-cv-readmore btn btn-success\" target=\"_self\">Ver Sentencia Completa...<\/a><\/div><\/div><\/div><\/div>\n<div class=\"col-md-12 col-sm-12 col-xs-12 pt-cv-content-item pt-cv-1-col\" ><div class='pt-cv-ifield'><a href=\"https:\/\/www.dmsjuridica.com\/buscador_20179478954\/corteconstitucionalcronologico202454587\/t-356-95\/\" class=\"_self pt-cv-href-thumbnail pt-cv-thumb-default\" target=\"_self\" ><\/a>\n<div class=\"pt-cv-taxoterm above_title\"><a href='https:\/\/www.dmsjuridica.com\/buscador_20179478954\/corteconstitucionalcronologico202454587\/category\/buscar-en-toda-la-corte\/1995\/tutelas-1995\/' title='Tutelas 1995' class='pt-cv-tax-tutelas-1995'>Tutelas 1995<\/a><\/div>\n<h4 class=\"pt-cv-title\"><a href=\"https:\/\/www.dmsjuridica.com\/buscador_20179478954\/corteconstitucionalcronologico202454587\/t-356-95\/\" class=\"_self\" target=\"_self\" >T 356 95<\/a><\/h4>\n<div class=\"pt-cv-content\">T-356-95 Sentencia No. T-356\/95 PENSION DE INVALIDEZ-Extinci\u00f3n Si el inv\u00e1lido recupera en todo o en parte su capacidad y ello es constatado en la revisi\u00f3n m\u00e9dica, legalmente practicada, y, por consiguiente, hay un cambio en la calificaci\u00f3n de la incapacidad del trabajador, entonces, se reabre para \u00e9ste la perspectiva de ser readmitido en el puesto de trabajo del cual fue alejado por fuerza mayor (la invalidez sobreviviente). No hacerlo significar\u00eda que una calamidad (la enfermedad) se convertir\u00eda en raz\u00f3n suficiente para dislocar el derecho al trabajo, esto no es justo ni compatible con el Estado Social de Derecho. Por supuesto ...<br \/><div class=\"pt-cv-rmwrap\"><a href=\"https:\/\/www.dmsjuridica.com\/buscador_20179478954\/corteconstitucionalcronologico202454587\/t-356-95\/\" class=\"_self pt-cv-readmore btn btn-success\" target=\"_self\">Ver Sentencia Completa...<\/a><\/div><\/div><\/div><\/div>\n<div class=\"col-md-12 col-sm-12 col-xs-12 pt-cv-content-item pt-cv-1-col\" ><div class='pt-cv-ifield'><a href=\"https:\/\/www.dmsjuridica.com\/buscador_20179478954\/corteconstitucionalcronologico202454587\/t-355-95\/\" class=\"_self pt-cv-href-thumbnail pt-cv-thumb-default\" target=\"_self\" ><\/a>\n<div class=\"pt-cv-taxoterm above_title\"><a href='https:\/\/www.dmsjuridica.com\/buscador_20179478954\/corteconstitucionalcronologico202454587\/category\/buscar-en-toda-la-corte\/1995\/tutelas-1995\/' title='Tutelas 1995' class='pt-cv-tax-tutelas-1995'>Tutelas 1995<\/a><\/div>\n<h4 class=\"pt-cv-title\"><a href=\"https:\/\/www.dmsjuridica.com\/buscador_20179478954\/corteconstitucionalcronologico202454587\/t-355-95\/\" class=\"_self\" target=\"_self\" >T 355 95<\/a><\/h4>\n<div class=\"pt-cv-content\">T-355-95 Sentencia No. T-355\/95 DERECHO A LA SUSTITUCION PENSIONAL-Fundamental\/PENSION DE SOBREVIVIENTES Ese derecho, para los beneficiarios es derecho fundamental por estar contenido dentro de valores tutelables: el derecho a la vida, a la seguridad social, a la salud, al trabajo. Es inalienable, inherente y esencial. Y, hay una situaci\u00f3n de indefensi\u00f3n del beneficiario respecto a quien debe pagarle la mesada. RETROSPECTIVIDAD EN PENSIONES Adem\u00e1s de variada, la legislaci\u00f3n anterior y posterior a 1988 ha centrado el beneficio en el c\u00f3nyuge sobreviviente. Cualquier duda que hubiere debe ser resuelta en favor del trabajador o del beneficiario, y, de todas maneras, la ...<br \/><div class=\"pt-cv-rmwrap\"><a href=\"https:\/\/www.dmsjuridica.com\/buscador_20179478954\/corteconstitucionalcronologico202454587\/t-355-95\/\" class=\"_self pt-cv-readmore btn btn-success\" target=\"_self\">Ver Sentencia Completa...<\/a><\/div><\/div><\/div><\/div>\n<div class=\"col-md-12 col-sm-12 col-xs-12 pt-cv-content-item pt-cv-1-col\" ><div class='pt-cv-ifield'><a href=\"https:\/\/www.dmsjuridica.com\/buscador_20179478954\/corteconstitucionalcronologico202454587\/t-348-95\/\" class=\"_self pt-cv-href-thumbnail pt-cv-thumb-default\" target=\"_self\" ><\/a>\n<div class=\"pt-cv-taxoterm above_title\"><a href='https:\/\/www.dmsjuridica.com\/buscador_20179478954\/corteconstitucionalcronologico202454587\/category\/buscar-en-toda-la-corte\/1995\/tutelas-1995\/' title='Tutelas 1995' class='pt-cv-tax-tutelas-1995'>Tutelas 1995<\/a><\/div>\n<h4 class=\"pt-cv-title\"><a href=\"https:\/\/www.dmsjuridica.com\/buscador_20179478954\/corteconstitucionalcronologico202454587\/t-348-95\/\" class=\"_self\" target=\"_self\" >T 348 95<\/a><\/h4>\n<div class=\"pt-cv-content\">T-348-95 Sentencia T-348\/95 NOTA DE RELATORIA: Por auto No. 049 de 23 de noviembre de 1995, se declar\u00f3 la nulidad de esta sentencia y fue reemplazada con la sentencia T-074\/96 FISCAL GENERAL DE LA NACION-Facultad de comisionar\/FISCAL DELEGADO ANTE LA CORTE SUPREMA-Calificaci\u00f3n de la investigaci\u00f3n\/PRECLUSION DE LA INVESTIGACION\/DEBIDO PROCESO\/PRESUNCION DE LEGALIDAD El Fiscal General de la Naci\u00f3n \u00fanicamente tiene que asumir personalmente tres actuaciones dentro del proceso: la calificaci\u00f3n de la investigaci\u00f3n, la resoluci\u00f3n acusatoria y la que se abstiene de acusar. Estos son los \u00fanicos tres actos para los cuales no es admisible la comisi\u00f3n a los fiscales delegados ...<br \/><div class=\"pt-cv-rmwrap\"><a href=\"https:\/\/www.dmsjuridica.com\/buscador_20179478954\/corteconstitucionalcronologico202454587\/t-348-95\/\" class=\"_self pt-cv-readmore btn btn-success\" target=\"_self\">Ver Sentencia Completa...<\/a><\/div><\/div><\/div><\/div>\n<div class=\"col-md-12 col-sm-12 col-xs-12 pt-cv-content-item pt-cv-1-col\" ><div class='pt-cv-ifield'><a href=\"https:\/\/www.dmsjuridica.com\/buscador_20179478954\/corteconstitucionalcronologico202454587\/t-347-95\/\" class=\"_self pt-cv-href-thumbnail pt-cv-thumb-default\" target=\"_self\" ><\/a>\n<div class=\"pt-cv-taxoterm above_title\"><a href='https:\/\/www.dmsjuridica.com\/buscador_20179478954\/corteconstitucionalcronologico202454587\/category\/buscar-en-toda-la-corte\/1995\/tutelas-1995\/' title='Tutelas 1995' class='pt-cv-tax-tutelas-1995'>Tutelas 1995<\/a><\/div>\n<h4 class=\"pt-cv-title\"><a href=\"https:\/\/www.dmsjuridica.com\/buscador_20179478954\/corteconstitucionalcronologico202454587\/t-347-95\/\" class=\"_self\" target=\"_self\" >T 347 95<\/a><\/h4>\n<div class=\"pt-cv-content\">T-347-95 TERMINO JUDICIAL-Cumplimiento\/DEBIDO PROCESO-Vulneraci\u00f3n\/MORA JUDICIAL El cumplimiento de los t\u00e9rminos judiciales no es una d\u00e1diva en favor de las partes que comparecen ante las autoridades judiciales y administrativas, sino una obligaci\u00f3n en cabeza de los servidores p\u00fablicos y una garant\u00eda para los ciudadanos que en ejercicio del derecho fundamental a acceder a la administraci\u00f3n de justicia acuden ante el Estado. La garant\u00eda del debido proceso implica el cumplimiento de los t\u00e9rminos judiciales; es as\u00ed como el derecho al debido proceso puede resultar vulnerado cuando los servidores p\u00fablicos encargados de la funci\u00f3n jurisdiccional, desconocen los plazos dentro de los cuales deben ...<br \/><div class=\"pt-cv-rmwrap\"><a href=\"https:\/\/www.dmsjuridica.com\/buscador_20179478954\/corteconstitucionalcronologico202454587\/t-347-95\/\" class=\"_self pt-cv-readmore btn btn-success\" target=\"_self\">Ver Sentencia Completa...<\/a><\/div><\/div><\/div><\/div>\n<div class=\"col-md-12 col-sm-12 col-xs-12 pt-cv-content-item pt-cv-1-col\" ><div class='pt-cv-ifield'><a href=\"https:\/\/www.dmsjuridica.com\/buscador_20179478954\/corteconstitucionalcronologico202454587\/t-341-95\/\" class=\"_self pt-cv-href-thumbnail pt-cv-thumb-default\" target=\"_self\" ><\/a>\n<div class=\"pt-cv-taxoterm above_title\"><a href='https:\/\/www.dmsjuridica.com\/buscador_20179478954\/corteconstitucionalcronologico202454587\/category\/buscar-en-toda-la-corte\/1995\/tutelas-1995\/' title='Tutelas 1995' class='pt-cv-tax-tutelas-1995'>Tutelas 1995<\/a><\/div>\n<h4 class=\"pt-cv-title\"><a href=\"https:\/\/www.dmsjuridica.com\/buscador_20179478954\/corteconstitucionalcronologico202454587\/t-341-95\/\" class=\"_self\" target=\"_self\" >T 341 95<\/a><\/h4>\n<div class=\"pt-cv-content\">T-341-95 Sentencia No. T-341\/95 ACCION DE TUTELA CONTRA JUEZ DE FAMILIA\/DERECHOS DEL NI\u00d1O-Protecci\u00f3n\/EMBARGO DE BIENES POR ALIMENTOS\/BIEN DE LA SOCIEDAD CONYUGAL-Protecci\u00f3n Ref.: Expediente No. 68802 Acci\u00f3n de tutela en contra del Juez Quince de Familia de Santaf\u00e9 de Bogot\u00e1 por presunta violaci\u00f3n a los derechos fundamentales de los ni\u00f1os. Tema: Los derechos prevalentes de los ni\u00f1os y la funci\u00f3n de las autoridades. Actor: Zoraida Turriago Posada. Magistrado Ponente: Carlos Gaviria D\u00edaz. En Santaf\u00e9 de Bogot\u00e1 D.C., primero (1\u00b0) de agosto de mil novecientos noventa y cinco (1995), la Sala Cuarta de Revisi\u00f3n de Tutelas de la Corte Constitucional, compuesta por ...<br \/><div class=\"pt-cv-rmwrap\"><a href=\"https:\/\/www.dmsjuridica.com\/buscador_20179478954\/corteconstitucionalcronologico202454587\/t-341-95\/\" class=\"_self pt-cv-readmore btn btn-success\" target=\"_self\">Ver Sentencia Completa...<\/a><\/div><\/div><\/div><\/div>\n<div class=\"col-md-12 col-sm-12 col-xs-12 pt-cv-content-item pt-cv-1-col\" ><div class='pt-cv-ifield'><a href=\"https:\/\/www.dmsjuridica.com\/buscador_20179478954\/corteconstitucionalcronologico202454587\/t-340-95\/\" class=\"_self pt-cv-href-thumbnail pt-cv-thumb-default\" target=\"_self\" ><\/a>\n<div class=\"pt-cv-taxoterm above_title\"><a href='https:\/\/www.dmsjuridica.com\/buscador_20179478954\/corteconstitucionalcronologico202454587\/category\/buscar-en-toda-la-corte\/1995\/tutelas-1995\/' title='Tutelas 1995' class='pt-cv-tax-tutelas-1995'>Tutelas 1995<\/a><\/div>\n<h4 class=\"pt-cv-title\"><a href=\"https:\/\/www.dmsjuridica.com\/buscador_20179478954\/corteconstitucionalcronologico202454587\/t-340-95\/\" class=\"_self\" target=\"_self\" >T 340 95<\/a><\/h4>\n<div class=\"pt-cv-content\">T-340-95 Sentencia No. T-340\/95 DERECHO A LA EDUCACION-Improcedencia de exclusi\u00f3n del sistema educativo\/DERECHO A PERMANECER EN EL COLEGIO El Estado, a trav\u00e9s de la ley, estableci\u00f3 unas condiciones para la concurrencia de los particulares en la prestaci\u00f3n del servicio, que aseguran a los menores \u201c...las condiciones necesarias para su permanencia en el sistema educativo\u201d, y que la instituci\u00f3n demandada excluy\u00f3 al actor en abierta transgresi\u00f3n de esos l\u00edmites, recortando indebidamente el alcance de su derecho a la educaci\u00f3n. Dado el texto de los art\u00edculos 44, 45 y 67 de la Constituci\u00f3n, la limitaci\u00f3n que impuso la Ley General de la ...<br \/><div class=\"pt-cv-rmwrap\"><a href=\"https:\/\/www.dmsjuridica.com\/buscador_20179478954\/corteconstitucionalcronologico202454587\/t-340-95\/\" class=\"_self pt-cv-readmore btn btn-success\" target=\"_self\">Ver Sentencia Completa...<\/a><\/div><\/div><\/div><\/div>\n<div class=\"col-md-12 col-sm-12 col-xs-12 pt-cv-content-item pt-cv-1-col\" ><div class='pt-cv-ifield'><a href=\"https:\/\/www.dmsjuridica.com\/buscador_20179478954\/corteconstitucionalcronologico202454587\/t-339-95\/\" class=\"_self pt-cv-href-thumbnail pt-cv-thumb-default\" target=\"_self\" ><\/a>\n<div class=\"pt-cv-taxoterm above_title\"><a href='https:\/\/www.dmsjuridica.com\/buscador_20179478954\/corteconstitucionalcronologico202454587\/category\/buscar-en-toda-la-corte\/1995\/tutelas-1995\/' title='Tutelas 1995' class='pt-cv-tax-tutelas-1995'>Tutelas 1995<\/a><\/div>\n<h4 class=\"pt-cv-title\"><a href=\"https:\/\/www.dmsjuridica.com\/buscador_20179478954\/corteconstitucionalcronologico202454587\/t-339-95\/\" class=\"_self\" target=\"_self\" >T 339 95<\/a><\/h4>\n<div class=\"pt-cv-content\">T-339-95 Sentencia No. T-339\/95 PERSONA DISMINUIDA-Atenci\u00f3n especializada\/DERECHO DE PERSONA DE LA TERCERA EDAD A TUTELA TRANSITORIA\/ENFERMOS TERMINALES Dada la condici\u00f3n humana, la disminuci\u00f3n de la capacidad f\u00edsica, sensorial y ps\u00edquica es una consecuencia natural de la edad avanzada. El Constituyente previ\u00f3 en la norma que, al menos, las personas que se encuentran en esa condici\u00f3n de debilidad manifiesta, cuenten con la atenci\u00f3n adecuada a su situaci\u00f3n. En este caso se trata de una anciana reducida a su lecho de enferma como consecuencia de los padecimientos que le fueron diagnosticados, requiere de tratamiento m\u00e9dico, as\u00ed no sea especializado, para enfrentar en ...<br \/><div class=\"pt-cv-rmwrap\"><a href=\"https:\/\/www.dmsjuridica.com\/buscador_20179478954\/corteconstitucionalcronologico202454587\/t-339-95\/\" class=\"_self pt-cv-readmore btn btn-success\" target=\"_self\">Ver Sentencia Completa...<\/a><\/div><\/div><\/div><\/div>\n<div class=\"col-md-12 col-sm-12 col-xs-12 pt-cv-content-item pt-cv-1-col\" ><div class='pt-cv-ifield'><a href=\"https:\/\/www.dmsjuridica.com\/buscador_20179478954\/corteconstitucionalcronologico202454587\/t-338-95\/\" class=\"_self pt-cv-href-thumbnail pt-cv-thumb-default\" target=\"_self\" ><\/a>\n<div class=\"pt-cv-taxoterm above_title\"><a href='https:\/\/www.dmsjuridica.com\/buscador_20179478954\/corteconstitucionalcronologico202454587\/category\/buscar-en-toda-la-corte\/1995\/tutelas-1995\/' title='Tutelas 1995' class='pt-cv-tax-tutelas-1995'>Tutelas 1995<\/a><\/div>\n<h4 class=\"pt-cv-title\"><a href=\"https:\/\/www.dmsjuridica.com\/buscador_20179478954\/corteconstitucionalcronologico202454587\/t-338-95\/\" class=\"_self\" target=\"_self\" >T 338 95<\/a><\/h4>\n<div class=\"pt-cv-content\">T-338-95 Sentencia No. T-338\/95 DERECHO DE PETICION-Pronta Resoluci\u00f3n La Constituci\u00f3n alude a una \"pronta resoluci\u00f3n\" significando la diligencia y brevedad con que deben proceder las autoridades p\u00fablicas en la atenci\u00f3n de los asuntos que, mediante el ejercicio del derecho de petici\u00f3n, los asociados someten a su consideraci\u00f3n. As\u00ed pues, las actitudes dilatorias contradicen el sentido que la Carta Fundamental otorga al derecho y demuestran el olvido de los principios de eficacia, econom\u00eda y celeridad que gu\u00edan el desarrollo de la funci\u00f3n administrativa. REF: Expediente No. 63203 Peticionario: H\u00e9ctor Gonzalo Montes Herrera MAGISTRADO PONENTE: ALEJANDRO MARTINEZ CABALLERO Santa Fe de Bogot\u00e1 ...<br \/><div class=\"pt-cv-rmwrap\"><a href=\"https:\/\/www.dmsjuridica.com\/buscador_20179478954\/corteconstitucionalcronologico202454587\/t-338-95\/\" class=\"_self pt-cv-readmore btn btn-success\" target=\"_self\">Ver Sentencia Completa...<\/a><\/div><\/div><\/div><\/div>\n<div class=\"col-md-12 col-sm-12 col-xs-12 pt-cv-content-item pt-cv-1-col\" ><div class='pt-cv-ifield'><a href=\"https:\/\/www.dmsjuridica.com\/buscador_20179478954\/corteconstitucionalcronologico202454587\/t-337-95\/\" class=\"_self pt-cv-href-thumbnail pt-cv-thumb-default\" target=\"_self\" ><\/a>\n<div class=\"pt-cv-taxoterm above_title\"><a href='https:\/\/www.dmsjuridica.com\/buscador_20179478954\/corteconstitucionalcronologico202454587\/category\/buscar-en-toda-la-corte\/1995\/tutelas-1995\/' title='Tutelas 1995' class='pt-cv-tax-tutelas-1995'>Tutelas 1995<\/a><\/div>\n<h4 class=\"pt-cv-title\"><a href=\"https:\/\/www.dmsjuridica.com\/buscador_20179478954\/corteconstitucionalcronologico202454587\/t-337-95\/\" class=\"_self\" target=\"_self\" >T 337 95<\/a><\/h4>\n<div class=\"pt-cv-content\">T-337-95 Sentencia No. T-337\/95 EDUCACION-Fines Las preguntas que los estudiantes formulan en clase y las respuestas que los profesores dan a las mismas, son actividades que pertenecen al proceso educativo. En \u00e9ste intervienen varios sujetos, dotados de ciertas capacidades y autoridad, que de manera m\u00e1s o menos sistem\u00e1tica y continua, mediante acciones, contenidos y m\u00e9todos de diversa naturaleza, hacen que otros adquieran conocimientos y desarrollen potencialidades, actitudes y sentimientos, necesarios para acceder a los bienes y valores de la cultura. Particularmente cuando el indicado proceso es formal y su objeto consiste en la educaci\u00f3n de los ni\u00f1os, el aula no ...<br \/><div class=\"pt-cv-rmwrap\"><a href=\"https:\/\/www.dmsjuridica.com\/buscador_20179478954\/corteconstitucionalcronologico202454587\/t-337-95\/\" class=\"_self pt-cv-readmore btn btn-success\" target=\"_self\">Ver Sentencia Completa...<\/a><\/div><\/div><\/div><\/div>\n<div class=\"col-md-12 col-sm-12 col-xs-12 pt-cv-content-item pt-cv-1-col\" ><div class='pt-cv-ifield'><a href=\"https:\/\/www.dmsjuridica.com\/buscador_20179478954\/corteconstitucionalcronologico202454587\/t-336-95\/\" class=\"_self pt-cv-href-thumbnail pt-cv-thumb-default\" target=\"_self\" ><\/a>\n<div class=\"pt-cv-taxoterm above_title\"><a href='https:\/\/www.dmsjuridica.com\/buscador_20179478954\/corteconstitucionalcronologico202454587\/category\/buscar-en-toda-la-corte\/1995\/tutelas-1995\/' title='Tutelas 1995' class='pt-cv-tax-tutelas-1995'>Tutelas 1995<\/a><\/div>\n<h4 class=\"pt-cv-title\"><a href=\"https:\/\/www.dmsjuridica.com\/buscador_20179478954\/corteconstitucionalcronologico202454587\/t-336-95\/\" class=\"_self\" target=\"_self\" >T 336 95<\/a><\/h4>\n<div class=\"pt-cv-content\">T-336-95 Sentencia No. T-336\/95 DERECHOS FUNDAMENTALES-N\u00facleo esencial El n\u00facleo esencial del derecho fundamental es el m\u00ednimun de la dignidad racional, sin cuyo reconocimiento el hombre no puede vivir o desarrollarse como ser humano. La acci\u00f3n de tutela se dirige pues al n\u00facleo esencial de un derecho fundamental, y por ello su protecci\u00f3n debe ser inmediata. Ya ha se\u00f1alado esta Corporaci\u00f3n c\u00f3mo extremar un derecho es equivalente a negarlo, por cuanto la extralimitaci\u00f3n no puede ser protegida. De ah\u00ed la importancia de saber cu\u00e1ndo se afecta el n\u00facleo esencial de un derecho fundamental. Lo anterior no quiere decir que si se ...<br \/><div class=\"pt-cv-rmwrap\"><a href=\"https:\/\/www.dmsjuridica.com\/buscador_20179478954\/corteconstitucionalcronologico202454587\/t-336-95\/\" class=\"_self pt-cv-readmore btn btn-success\" target=\"_self\">Ver Sentencia Completa...<\/a><\/div><\/div><\/div><\/div>\n<div class=\"col-md-12 col-sm-12 col-xs-12 pt-cv-content-item pt-cv-1-col\" ><div class='pt-cv-ifield'><a href=\"https:\/\/www.dmsjuridica.com\/buscador_20179478954\/corteconstitucionalcronologico202454587\/t-335-95\/\" class=\"_self pt-cv-href-thumbnail pt-cv-thumb-default\" target=\"_self\" ><\/a>\n<div class=\"pt-cv-taxoterm above_title\"><a href='https:\/\/www.dmsjuridica.com\/buscador_20179478954\/corteconstitucionalcronologico202454587\/category\/buscar-en-toda-la-corte\/1995\/tutelas-1995\/' title='Tutelas 1995' class='pt-cv-tax-tutelas-1995'>Tutelas 1995<\/a><\/div>\n<h4 class=\"pt-cv-title\"><a href=\"https:\/\/www.dmsjuridica.com\/buscador_20179478954\/corteconstitucionalcronologico202454587\/t-335-95\/\" class=\"_self\" target=\"_self\" >T 335 95<\/a><\/h4>\n<div class=\"pt-cv-content\">T-335-95 Sentencia No. T-335\/95 SUBORDINACION-Trabajadores Debe entenderse por \"subordinaci\u00f3n\" el acto por el cual una persona est\u00e1 bajo la potestad de otra, jer\u00e1rquicamente superior en cuanto a una funci\u00f3n espec\u00edfica que limita su autonom\u00eda. En materia laboral, la relaci\u00f3n de \"subordinaci\u00f3n\" se constituye en uno de los elementos m\u00e1s importantes del contrato de trabajo. INDEFENSION\/RECOMPENSA\/PUBLICACION DE AVISO-Supermercado El administrador del supermercado, no s\u00f3lo ejerci\u00f3 su autoridad para mandar a fijar el aviso mencionado, sino que adem\u00e1s se aprovech\u00f3 de esa condici\u00f3n de superioridad para colocar a los empledos en una situaci\u00f3n de indefensi\u00f3n, entendida \u00e9sta, como la que se produce ...<br \/><div class=\"pt-cv-rmwrap\"><a href=\"https:\/\/www.dmsjuridica.com\/buscador_20179478954\/corteconstitucionalcronologico202454587\/t-335-95\/\" class=\"_self pt-cv-readmore btn btn-success\" target=\"_self\">Ver Sentencia Completa...<\/a><\/div><\/div><\/div><\/div>\n<div class=\"col-md-12 col-sm-12 col-xs-12 pt-cv-content-item pt-cv-1-col\" ><div class='pt-cv-ifield'><a href=\"https:\/\/www.dmsjuridica.com\/buscador_20179478954\/corteconstitucionalcronologico202454587\/t-334-95\/\" class=\"_self pt-cv-href-thumbnail pt-cv-thumb-default\" target=\"_self\" ><\/a>\n<div class=\"pt-cv-taxoterm above_title\"><a href='https:\/\/www.dmsjuridica.com\/buscador_20179478954\/corteconstitucionalcronologico202454587\/category\/buscar-en-toda-la-corte\/1995\/tutelas-1995\/' title='Tutelas 1995' class='pt-cv-tax-tutelas-1995'>Tutelas 1995<\/a><\/div>\n<h4 class=\"pt-cv-title\"><a href=\"https:\/\/www.dmsjuridica.com\/buscador_20179478954\/corteconstitucionalcronologico202454587\/t-334-95\/\" class=\"_self\" target=\"_self\" >T 334 95<\/a><\/h4>\n<div class=\"pt-cv-content\">T-334-95 Sentencia No. T-334\/95 DERECHO DE PETICION-Pronta resoluci\u00f3n En lo atinente al derecho fundamental de petici\u00f3n, toda persona puede dirigirse respetuosamente a las autoridades por motivos de inter\u00e9s general o particular, con la certidumbre de obtener un efectivo tr\u00e1mite respecto de sus solicitudes y una pronta resoluci\u00f3n. El eventual ejercicio de la acci\u00f3n de tutela ante la mora del juez en decidir sobre un determinado asunto a su consideraci\u00f3n dentro del proceso judicial tendr\u00eda fundamento en que tal conducta, en cuanto desconozca los t\u00e9rminos de ley y carezca de motivo probado y razonable, implica dilaci\u00f3n injustificada, es decir, vulneraci\u00f3n palmaria ...<br \/><div class=\"pt-cv-rmwrap\"><a href=\"https:\/\/www.dmsjuridica.com\/buscador_20179478954\/corteconstitucionalcronologico202454587\/t-334-95\/\" class=\"_self pt-cv-readmore btn btn-success\" target=\"_self\">Ver Sentencia Completa...<\/a><\/div><\/div><\/div><\/div>\n<div class=\"col-md-12 col-sm-12 col-xs-12 pt-cv-content-item pt-cv-1-col\" ><div class='pt-cv-ifield'><a href=\"https:\/\/www.dmsjuridica.com\/buscador_20179478954\/corteconstitucionalcronologico202454587\/t-333-95\/\" class=\"_self pt-cv-href-thumbnail pt-cv-thumb-default\" target=\"_self\" ><\/a>\n<div class=\"pt-cv-taxoterm above_title\"><a href='https:\/\/www.dmsjuridica.com\/buscador_20179478954\/corteconstitucionalcronologico202454587\/category\/buscar-en-toda-la-corte\/1995\/tutelas-1995\/' title='Tutelas 1995' class='pt-cv-tax-tutelas-1995'>Tutelas 1995<\/a><\/div>\n<h4 class=\"pt-cv-title\"><a href=\"https:\/\/www.dmsjuridica.com\/buscador_20179478954\/corteconstitucionalcronologico202454587\/t-333-95\/\" class=\"_self\" target=\"_self\" >T 333 95<\/a><\/h4>\n<div class=\"pt-cv-content\">T-333-95 Sentencia No. T-333\/95 SUBORDINACION\/INDEFENSION\/ACCION DE TUTELA CONTRA ADMINISTRACION DE CONJUNTO RESIDENCIAL-Instalaci\u00f3n de TV cable La subordinaci\u00f3n tiene que ver con acatamiento, sometimiento a \u00f3rdenes proferidas por quienes, por raz\u00f3n de sus calidades, tienen la competencia para impartirlas, situaci\u00f3n en la que tambi\u00e9n se halla la petente, debido a que la decisi\u00f3n prohijada por la asamblea general y llevada a efecto por la junta directiva debe ser acatada, seg\u00fan los estatutos de la copropiedad y ante la coacci\u00f3n de un proceso ejecutivo\". \"Se concluye, que en el presente caso la acci\u00f3n de tutela es procedente, debido a que la peticionaria ...<br \/><div class=\"pt-cv-rmwrap\"><a href=\"https:\/\/www.dmsjuridica.com\/buscador_20179478954\/corteconstitucionalcronologico202454587\/t-333-95\/\" class=\"_self pt-cv-readmore btn btn-success\" target=\"_self\">Ver Sentencia Completa...<\/a><\/div><\/div><\/div><\/div>\n<div class=\"col-md-12 col-sm-12 col-xs-12 pt-cv-content-item pt-cv-1-col\" ><div class='pt-cv-ifield'><a href=\"https:\/\/www.dmsjuridica.com\/buscador_20179478954\/corteconstitucionalcronologico202454587\/t-326-95\/\" class=\"_self pt-cv-href-thumbnail pt-cv-thumb-default\" target=\"_self\" ><\/a>\n<div class=\"pt-cv-taxoterm above_title\"><a href='https:\/\/www.dmsjuridica.com\/buscador_20179478954\/corteconstitucionalcronologico202454587\/category\/buscar-en-toda-la-corte\/1995\/tutelas-1995\/' title='Tutelas 1995' class='pt-cv-tax-tutelas-1995'>Tutelas 1995<\/a><\/div>\n<h4 class=\"pt-cv-title\"><a href=\"https:\/\/www.dmsjuridica.com\/buscador_20179478954\/corteconstitucionalcronologico202454587\/t-326-95\/\" class=\"_self\" target=\"_self\" >T 326 95<\/a><\/h4>\n<div class=\"pt-cv-content\">T-326-95 Sentencia No. T-326 CONCURSO DE MERITOS-Nombramiento de quien obtuvo el primer puesto Establecer un concurso p\u00fablico y se\u00f1alar un procedimiento que termina por no atribuir al vencedor el cargo o plaza objeto del mismo, elimina su esencia y lo despoja de su est\u00edmulo. Si en verdad se anuncia por el Estado que un empleo se va a nombrar por concurso y, en \u00faltimas se designa al tercero o al segundo mejores aspirantes, pero no al primero, se defrauda la confianza de este aspirante inducida en virtud de la convocatoria y, de este modo, igualmente, se asalta la buena fe ...<br \/><div class=\"pt-cv-rmwrap\"><a href=\"https:\/\/www.dmsjuridica.com\/buscador_20179478954\/corteconstitucionalcronologico202454587\/t-326-95\/\" class=\"_self pt-cv-readmore btn btn-success\" target=\"_self\">Ver Sentencia Completa...<\/a><\/div><\/div><\/div><\/div>\n<div class=\"col-md-12 col-sm-12 col-xs-12 pt-cv-content-item pt-cv-1-col\" ><div class='pt-cv-ifield'><a href=\"https:\/\/www.dmsjuridica.com\/buscador_20179478954\/corteconstitucionalcronologico202454587\/t-325-95\/\" class=\"_self pt-cv-href-thumbnail pt-cv-thumb-default\" target=\"_self\" ><\/a>\n<div class=\"pt-cv-taxoterm above_title\"><a href='https:\/\/www.dmsjuridica.com\/buscador_20179478954\/corteconstitucionalcronologico202454587\/category\/buscar-en-toda-la-corte\/1995\/tutelas-1995\/' title='Tutelas 1995' class='pt-cv-tax-tutelas-1995'>Tutelas 1995<\/a><\/div>\n<h4 class=\"pt-cv-title\"><a href=\"https:\/\/www.dmsjuridica.com\/buscador_20179478954\/corteconstitucionalcronologico202454587\/t-325-95\/\" class=\"_self\" target=\"_self\" >T 325 95<\/a><\/h4>\n<div class=\"pt-cv-content\">T-325-95 Sentencia No. T-325\/95 CONCURSO DE MERITOS-Reglas de control Al se\u00f1alarse por la administraci\u00f3n las bases del concurso, estas se convierten en reglas particulares obligatorias tanto para los participantes como para aqu\u00e9lla; es decir, que a trav\u00e9s de dichas reglas la administraci\u00f3n se autovincula y autocontrola, en el sentido de que debe respetarlas y que su actividad, en cuanto a la selecci\u00f3n de los aspirantes que califiquen para acceder al empleo o empleos correspondientes, se encuentra previamente regulada, de modo que no puede actuar en forma discrecional al realizar dicha selecci\u00f3n. CARRERA ADMINISTRATIVA-Nombramiento de quien obtuvo el primer lugar Al ...<br \/><div class=\"pt-cv-rmwrap\"><a href=\"https:\/\/www.dmsjuridica.com\/buscador_20179478954\/corteconstitucionalcronologico202454587\/t-325-95\/\" class=\"_self pt-cv-readmore btn btn-success\" target=\"_self\">Ver Sentencia Completa...<\/a><\/div><\/div><\/div><\/div>\n<div class=\"col-md-12 col-sm-12 col-xs-12 pt-cv-content-item pt-cv-1-col\" ><div class='pt-cv-ifield'><a href=\"https:\/\/www.dmsjuridica.com\/buscador_20179478954\/corteconstitucionalcronologico202454587\/t-324-95\/\" class=\"_self pt-cv-href-thumbnail pt-cv-thumb-default\" target=\"_self\" ><\/a>\n<div class=\"pt-cv-taxoterm above_title\"><a href='https:\/\/www.dmsjuridica.com\/buscador_20179478954\/corteconstitucionalcronologico202454587\/category\/buscar-en-toda-la-corte\/1995\/tutelas-1995\/' title='Tutelas 1995' class='pt-cv-tax-tutelas-1995'>Tutelas 1995<\/a><\/div>\n<h4 class=\"pt-cv-title\"><a href=\"https:\/\/www.dmsjuridica.com\/buscador_20179478954\/corteconstitucionalcronologico202454587\/t-324-95\/\" class=\"_self\" target=\"_self\" >T 324 95<\/a><\/h4>\n<div class=\"pt-cv-content\">T-324-95 Sentencia No. T-324\/95 DERECHOS DEL INTERNO A LA NOTIFICACION PERSONAL La notificaci\u00f3n en debida forma constituye el presupuesto fundamental de defensa de los ciudadanos frente a las decisiones de los jueces y constituye adem\u00e1s, condici\u00f3n de eficacia de las providencias judiciales, cuya firmeza y ejecutoriedad depende de la fecha exacta en que ella es conocida por quien debe cumplirla o est\u00e1 en capacidad de impugnarla o controvertirla. De conformidad con el ordenamiento jur\u00eddico y en aras de la equidad, a las personas detenidas o condenadas, las providencias judiciales deben serles notificadas personalmente, para que \u00e9sta se entienda surtida en ...<br \/><div class=\"pt-cv-rmwrap\"><a href=\"https:\/\/www.dmsjuridica.com\/buscador_20179478954\/corteconstitucionalcronologico202454587\/t-324-95\/\" class=\"_self pt-cv-readmore btn btn-success\" target=\"_self\">Ver Sentencia Completa...<\/a><\/div><\/div><\/div><\/div>\n<div class=\"col-md-12 col-sm-12 col-xs-12 pt-cv-content-item pt-cv-1-col\" ><div class='pt-cv-ifield'><a href=\"https:\/\/www.dmsjuridica.com\/buscador_20179478954\/corteconstitucionalcronologico202454587\/t-323-95\/\" class=\"_self pt-cv-href-thumbnail pt-cv-thumb-default\" target=\"_self\" ><\/a>\n<div class=\"pt-cv-taxoterm above_title\"><a href='https:\/\/www.dmsjuridica.com\/buscador_20179478954\/corteconstitucionalcronologico202454587\/category\/buscar-en-toda-la-corte\/1995\/tutelas-1995\/' title='Tutelas 1995' class='pt-cv-tax-tutelas-1995'>Tutelas 1995<\/a><\/div>\n<h4 class=\"pt-cv-title\"><a href=\"https:\/\/www.dmsjuridica.com\/buscador_20179478954\/corteconstitucionalcronologico202454587\/t-323-95\/\" class=\"_self\" target=\"_self\" >T 323 95<\/a><\/h4>\n<div class=\"pt-cv-content\">T-323-95 Sentencia No. T-323\/95 ACCION DE TUTELA CONTRA AUTO DEL CONSEJO DE ESTADO\/CONTROVERSIA LABORAL\/JURISDICCION ORDINARIA\/VIA DE HECHO-Inexistencia En caso de controversia entre el ISS y los patronos o afiliados, deben ser definidos por la justicia ordinaria, por expresa disposici\u00f3n legal. En consecuencia, el asunto planteado por el peticionario no corresponde a la competencia de la jurisdicci\u00f3n Contencioso-Administrativa. Por el contrario, se trata de un asunto laboral ordinario, cuyo conocimiento est\u00e1 sustra\u00eddo a la justicia contencioso administrativa, como expusiera en su momento la autoridad judicial demanda en sede de tutela. No se configura, por lo tanto, una v\u00eda de hecho mediante ...<br \/><div class=\"pt-cv-rmwrap\"><a href=\"https:\/\/www.dmsjuridica.com\/buscador_20179478954\/corteconstitucionalcronologico202454587\/t-323-95\/\" class=\"_self pt-cv-readmore btn btn-success\" target=\"_self\">Ver Sentencia Completa...<\/a><\/div><\/div><\/div><\/div>\n<div class=\"col-md-12 col-sm-12 col-xs-12 pt-cv-content-item pt-cv-1-col\" ><div class='pt-cv-ifield'><a href=\"https:\/\/www.dmsjuridica.com\/buscador_20179478954\/corteconstitucionalcronologico202454587\/t-322-95\/\" class=\"_self pt-cv-href-thumbnail pt-cv-thumb-default\" target=\"_self\" ><\/a>\n<div class=\"pt-cv-taxoterm above_title\"><a href='https:\/\/www.dmsjuridica.com\/buscador_20179478954\/corteconstitucionalcronologico202454587\/category\/buscar-en-toda-la-corte\/1995\/tutelas-1995\/' title='Tutelas 1995' class='pt-cv-tax-tutelas-1995'>Tutelas 1995<\/a><\/div>\n<h4 class=\"pt-cv-title\"><a href=\"https:\/\/www.dmsjuridica.com\/buscador_20179478954\/corteconstitucionalcronologico202454587\/t-322-95\/\" class=\"_self\" target=\"_self\" >T 322 95<\/a><\/h4>\n<div class=\"pt-cv-content\">T-322-95 Sentencia No. T-322\/95 LEGITIMACION POR PASIVA EN TUTELA\/ACCION DE TUTELA-Improcedencia La acci\u00f3n de tutela s\u00f3lo procede en relaci\u00f3n con el demandante y, excepcionalmente, en favor de terceros, cuando se trate de agente oficioso, por no estar el titular en capacidad de promover su propia defensa. En el presente caso, el actor carece de legitimidad para proponer la presente acci\u00f3n de tutela. INSPECCION DE POLICIA-Falta de higiene No existe relaci\u00f3n directa entre las condiciones de higiene que se presentan en la Inspecci\u00f3n Central de Polic\u00eda, y los derechos fundamentales invocados por el demandante como vulnerados, el derecho al trabajo y ...<br \/><div class=\"pt-cv-rmwrap\"><a href=\"https:\/\/www.dmsjuridica.com\/buscador_20179478954\/corteconstitucionalcronologico202454587\/t-322-95\/\" class=\"_self pt-cv-readmore btn btn-success\" target=\"_self\">Ver Sentencia Completa...<\/a><\/div><\/div><\/div><\/div>\n<div class=\"col-md-12 col-sm-12 col-xs-12 pt-cv-content-item pt-cv-1-col\" ><div class='pt-cv-ifield'><a href=\"https:\/\/www.dmsjuridica.com\/buscador_20179478954\/corteconstitucionalcronologico202454587\/t-321-95\/\" class=\"_self pt-cv-href-thumbnail pt-cv-thumb-default\" target=\"_self\" ><\/a>\n<div class=\"pt-cv-taxoterm above_title\"><a href='https:\/\/www.dmsjuridica.com\/buscador_20179478954\/corteconstitucionalcronologico202454587\/category\/buscar-en-toda-la-corte\/1995\/tutelas-1995\/' title='Tutelas 1995' class='pt-cv-tax-tutelas-1995'>Tutelas 1995<\/a><\/div>\n<h4 class=\"pt-cv-title\"><a href=\"https:\/\/www.dmsjuridica.com\/buscador_20179478954\/corteconstitucionalcronologico202454587\/t-321-95\/\" class=\"_self\" target=\"_self\" >T 321 95<\/a><\/h4>\n<div class=\"pt-cv-content\">T-321-95 Sentencia No. T-321\/95 DEMOLICION DE OBRAS\/ACTO ADMINISTRATIVO\/JURISDICCION CONTENCIOSO ADMINISTRATIVA Las medidas correctivas de demolici\u00f3n de obras no son del tipo de providencias que ponen fin a un juicio civil o penal de polic\u00eda y, por consiguiente, equiparables a decisiones jurisdiccionales. En tal virtud, los actos administrativos contentivos de dichas medidas son susceptibles de ser demandados ante la jurisdicci\u00f3n de lo contencioso administrativo en ejercicio de la acci\u00f3n de nulidad y restablecimiento del derecho. VIA DE HECHO-inobservancia de normas\/PROCESO ADMINISTRATIVO POLICIVO\/DEBIDO PROCESO-Vulneraci\u00f3n En el presente caso, no se identifica a ninguno de los infractores, ni a las construcciones objeto de ...<br \/><div class=\"pt-cv-rmwrap\"><a href=\"https:\/\/www.dmsjuridica.com\/buscador_20179478954\/corteconstitucionalcronologico202454587\/t-321-95\/\" class=\"_self pt-cv-readmore btn btn-success\" target=\"_self\">Ver Sentencia Completa...<\/a><\/div><\/div><\/div><\/div>\n<div class=\"col-md-12 col-sm-12 col-xs-12 pt-cv-content-item pt-cv-1-col\" ><div class='pt-cv-ifield'><a href=\"https:\/\/www.dmsjuridica.com\/buscador_20179478954\/corteconstitucionalcronologico202454587\/t-314-95\/\" class=\"_self pt-cv-href-thumbnail pt-cv-thumb-default\" target=\"_self\" ><\/a>\n<div class=\"pt-cv-taxoterm above_title\"><a href='https:\/\/www.dmsjuridica.com\/buscador_20179478954\/corteconstitucionalcronologico202454587\/category\/buscar-en-toda-la-corte\/1995\/tutelas-1995\/' title='Tutelas 1995' class='pt-cv-tax-tutelas-1995'>Tutelas 1995<\/a><\/div>\n<h4 class=\"pt-cv-title\"><a href=\"https:\/\/www.dmsjuridica.com\/buscador_20179478954\/corteconstitucionalcronologico202454587\/t-314-95\/\" class=\"_self\" target=\"_self\" >T 314 95<\/a><\/h4>\n<div class=\"pt-cv-content\">T-314-95 Sentencia No. T-314\/95 ACCION DE TUTELA-Apoderado judicial\/LEGITIMACION POR ACTIVA EN TUTELA\/ABOGADO-T\u00edtulo profesional\/ABOGADO-Licencia temporal vencida\/ABOGADO-Actuaci\u00f3n irregular Cuando se ejerce la acci\u00f3n de tutela en nombre de otra persona a t\u00edtulo profesional y en virtud del mandato judicial dentro del marco legal y las reglas propias del ejercicio de la profesi\u00f3n de abogado, debe acreditarse la condici\u00f3n con la que se act\u00faa seg\u00fan las normas correspondientes; ello, no solamente por raz\u00f3n de la responsabilidad que implica el ejercicio de la profesi\u00f3n, sino por la necesaria defensa de los intereses del cliente, a quien conviene establecer con certidumbre que quien lo apodera ...<br \/><div class=\"pt-cv-rmwrap\"><a href=\"https:\/\/www.dmsjuridica.com\/buscador_20179478954\/corteconstitucionalcronologico202454587\/t-314-95\/\" class=\"_self pt-cv-readmore btn btn-success\" target=\"_self\">Ver Sentencia Completa...<\/a><\/div><\/div><\/div><\/div>\n<div class=\"col-md-12 col-sm-12 col-xs-12 pt-cv-content-item pt-cv-1-col\" ><div class='pt-cv-ifield'><a href=\"https:\/\/www.dmsjuridica.com\/buscador_20179478954\/corteconstitucionalcronologico202454587\/t-313-95\/\" class=\"_self pt-cv-href-thumbnail pt-cv-thumb-default\" target=\"_self\" ><\/a>\n<div class=\"pt-cv-taxoterm above_title\"><a href='https:\/\/www.dmsjuridica.com\/buscador_20179478954\/corteconstitucionalcronologico202454587\/category\/buscar-en-toda-la-corte\/1995\/tutelas-1995\/' title='Tutelas 1995' class='pt-cv-tax-tutelas-1995'>Tutelas 1995<\/a><\/div>\n<h4 class=\"pt-cv-title\"><a href=\"https:\/\/www.dmsjuridica.com\/buscador_20179478954\/corteconstitucionalcronologico202454587\/t-313-95\/\" class=\"_self\" target=\"_self\" >T 313 95<\/a><\/h4>\n<div class=\"pt-cv-content\">T-313-95 Sentencia No. T-313\/95 PENSION DE INVALIDEZ-Fundamental Trat\u00e1ndose de la pensi\u00f3n de invalidez adicionalmente tiene vigencia el principio de la solidaridad. Por eso su reconocimiento y pago tiene un car\u00e1cter de derecho subjetivo y humano. Y entrar\u00e1 a ser fundamental en una situaci\u00f3n concreta al darse algunas condiciones que la jurisprudencia ya ha establecido. COLPUERTOS\/PENSIONES CONVENCIONALES\/PENSION DE INVALIDEZ-Revisiones m\u00e9dicas La norma convencional en la antigua empresa Colpuertos, que estableci\u00f3 los par\u00e1metros para la pensi\u00f3n de invalidez y con base en la cual se hizo el reconocimiento del derecho a tal pensi\u00f3n cre\u00f3 una situaci\u00f3n jur\u00eddica concreta a los beneficiados, pero ...<br \/><div class=\"pt-cv-rmwrap\"><a href=\"https:\/\/www.dmsjuridica.com\/buscador_20179478954\/corteconstitucionalcronologico202454587\/t-313-95\/\" class=\"_self pt-cv-readmore btn btn-success\" target=\"_self\">Ver Sentencia Completa...<\/a><\/div><\/div><\/div><\/div>\n<div class=\"col-md-12 col-sm-12 col-xs-12 pt-cv-content-item pt-cv-1-col\" ><div class='pt-cv-ifield'><a href=\"https:\/\/www.dmsjuridica.com\/buscador_20179478954\/corteconstitucionalcronologico202454587\/t-312-95\/\" class=\"_self pt-cv-href-thumbnail pt-cv-thumb-default\" target=\"_self\" ><\/a>\n<div class=\"pt-cv-taxoterm above_title\"><a href='https:\/\/www.dmsjuridica.com\/buscador_20179478954\/corteconstitucionalcronologico202454587\/category\/buscar-en-toda-la-corte\/1995\/tutelas-1995\/' title='Tutelas 1995' class='pt-cv-tax-tutelas-1995'>Tutelas 1995<\/a><\/div>\n<h4 class=\"pt-cv-title\"><a href=\"https:\/\/www.dmsjuridica.com\/buscador_20179478954\/corteconstitucionalcronologico202454587\/t-312-95\/\" class=\"_self\" target=\"_self\" >T 312 95<\/a><\/h4>\n<div class=\"pt-cv-content\">T-312-95 Sentencia No. T-312\/95 VISA-Declaraci\u00f3n de no objeci\u00f3n\/ACTO ADMINISTRATIVO\/JURISDICCION CONTENCIOSO ADMINISTRATIVA La peticionaria ten\u00eda otro mecanismo de defensa judicial, cual era el de ejercer una acci\u00f3n de nulidad y restablecimiento del derecho contra el acto administrativo del Ministerio de Relaciones Exteriores, que no concedi\u00f3 la cl\u00e1usula de no objeci\u00f3n. Esta Sala manifiesta su desacuerdo con la actitud del Ministerio de Relaciones Exteriores que olvid\u00f3 los derechos fundamentales de la solicitante y la consagraci\u00f3n Constitucional de un Estado Social de Derecho,al objetar, el deseo manifiesto de la estudiante en menci\u00f3n para continuar su desarrollo personal, ac\u00e1demico, y laboral en el exterior.Estos ...<br \/><div class=\"pt-cv-rmwrap\"><a href=\"https:\/\/www.dmsjuridica.com\/buscador_20179478954\/corteconstitucionalcronologico202454587\/t-312-95\/\" class=\"_self pt-cv-readmore btn btn-success\" target=\"_self\">Ver Sentencia Completa...<\/a><\/div><\/div><\/div><\/div>\n<div class=\"col-md-12 col-sm-12 col-xs-12 pt-cv-content-item pt-cv-1-col\" ><div class='pt-cv-ifield'><a href=\"https:\/\/www.dmsjuridica.com\/buscador_20179478954\/corteconstitucionalcronologico202454587\/t-311-95\/\" class=\"_self pt-cv-href-thumbnail pt-cv-thumb-default\" target=\"_self\" ><\/a>\n<div class=\"pt-cv-taxoterm above_title\"><a href='https:\/\/www.dmsjuridica.com\/buscador_20179478954\/corteconstitucionalcronologico202454587\/category\/buscar-en-toda-la-corte\/1995\/tutelas-1995\/' title='Tutelas 1995' class='pt-cv-tax-tutelas-1995'>Tutelas 1995<\/a><\/div>\n<h4 class=\"pt-cv-title\"><a href=\"https:\/\/www.dmsjuridica.com\/buscador_20179478954\/corteconstitucionalcronologico202454587\/t-311-95\/\" class=\"_self\" target=\"_self\" >T 311 95<\/a><\/h4>\n<div class=\"pt-cv-content\">T-311-95 Sentencia No. T-311\/95 ACCION DE TUTELA CONTRA EMPRESA DE ACUEDUCTO\/ACCION DE TUTELA TRANSITORIA-Improcedencia No puede pensarse que en el presente caso tendr\u00eda ocurrencia la tutela como mecanismo transitorio porque es el mismo Vel\u00e1zquez quien con sus hechos demuestra que no hay perjuicio irremediable, puesto que el perjuicio no es INMINENTE (prueba de ello que la tutela se instaura pasados dos a\u00f1os del hecho que se invoca como causa); la medida no es URGENTE porque el mismo actor acept\u00f3 el cargo en comisi\u00f3n que hoy detenta, el perjuicio no es GRAVE porque el salario que devenga (superior al mill\u00f3n de ...<br \/><div class=\"pt-cv-rmwrap\"><a href=\"https:\/\/www.dmsjuridica.com\/buscador_20179478954\/corteconstitucionalcronologico202454587\/t-311-95\/\" class=\"_self pt-cv-readmore btn btn-success\" target=\"_self\">Ver Sentencia Completa...<\/a><\/div><\/div><\/div><\/div>\n<div class=\"col-md-12 col-sm-12 col-xs-12 pt-cv-content-item pt-cv-1-col\" ><div class='pt-cv-ifield'><a href=\"https:\/\/www.dmsjuridica.com\/buscador_20179478954\/corteconstitucionalcronologico202454587\/t-310-95\/\" class=\"_self pt-cv-href-thumbnail pt-cv-thumb-default\" target=\"_self\" ><\/a>\n<div class=\"pt-cv-taxoterm above_title\"><a href='https:\/\/www.dmsjuridica.com\/buscador_20179478954\/corteconstitucionalcronologico202454587\/category\/buscar-en-toda-la-corte\/1995\/tutelas-1995\/' title='Tutelas 1995' class='pt-cv-tax-tutelas-1995'>Tutelas 1995<\/a><\/div>\n<h4 class=\"pt-cv-title\"><a href=\"https:\/\/www.dmsjuridica.com\/buscador_20179478954\/corteconstitucionalcronologico202454587\/t-310-95\/\" class=\"_self\" target=\"_self\" >T 310 95<\/a><\/h4>\n<div class=\"pt-cv-content\">T-310-95 Sentencia No. T-310\/95 DERECHO DE PETICION-Contenido\/DESALOJO El ejercicio del derecho de petici\u00f3n no se circunscribe a una respuesta de car\u00e1cter meramente formal, sino que, por el contrario, se enmarca dentro de la obligaci\u00f3n de las autoridades de resolver en forma oportuna solicitudes como la formulada por el actor. Se ordenar\u00e1 al se\u00f1or alcalde poner en conocimiento del actor las comuncaciones remitidas por los diversos funcionarios p\u00fablicos municipales, relativas al desalojo de las personas que habitan las mejoras referenciadas en la presente tutela. Con todo, debe se\u00f1alarse que la anterior decisi\u00f3n en momento alguno significa que el se\u00f1or alcalde deba ...<br \/><div class=\"pt-cv-rmwrap\"><a href=\"https:\/\/www.dmsjuridica.com\/buscador_20179478954\/corteconstitucionalcronologico202454587\/t-310-95\/\" class=\"_self pt-cv-readmore btn btn-success\" target=\"_self\">Ver Sentencia Completa...<\/a><\/div><\/div><\/div><\/div>\n<div class=\"col-md-12 col-sm-12 col-xs-12 pt-cv-content-item pt-cv-1-col\" ><div class='pt-cv-ifield'><a href=\"https:\/\/www.dmsjuridica.com\/buscador_20179478954\/corteconstitucionalcronologico202454587\/t-309-95\/\" class=\"_self pt-cv-href-thumbnail pt-cv-thumb-default\" target=\"_self\" ><\/a>\n<div class=\"pt-cv-taxoterm above_title\"><a href='https:\/\/www.dmsjuridica.com\/buscador_20179478954\/corteconstitucionalcronologico202454587\/category\/buscar-en-toda-la-corte\/1995\/tutelas-1995\/' title='Tutelas 1995' class='pt-cv-tax-tutelas-1995'>Tutelas 1995<\/a><\/div>\n<h4 class=\"pt-cv-title\"><a href=\"https:\/\/www.dmsjuridica.com\/buscador_20179478954\/corteconstitucionalcronologico202454587\/t-309-95\/\" class=\"_self\" target=\"_self\" >T 309 95<\/a><\/h4>\n<div class=\"pt-cv-content\">T-309-95 Sentencia No. T-309\/95 NEGLIGENCIA ADMINISTRATIVA\/VIVIENDA-Demolici\u00f3n\/OMISION DE LA ADMINISTRACION No obstante, la circunstancia de que el contratista no hubiese firmado el acta de iniciaci\u00f3n de los trabajos -inconveniente relativo a un requisito puramente formal, que habr\u00eda podido superarse mediante la diligencia de la administraci\u00f3n en exigir su cumplimiento- provoc\u00f3 de manera inexplicable la paralizaci\u00f3n de las obras y el ostensible perjuicio ocasionado a quienes, siendo propietarios de humildes viviendas demolidas o afectadas por movimientos tel\u00faricos en la zona, quedaron despojados de un lugar digno al cual acogerse con sus familias. Las autoridades administrativas deben \"coordinar sus actuaciones para el adecuado ...<br \/><div class=\"pt-cv-rmwrap\"><a href=\"https:\/\/www.dmsjuridica.com\/buscador_20179478954\/corteconstitucionalcronologico202454587\/t-309-95\/\" class=\"_self pt-cv-readmore btn btn-success\" target=\"_self\">Ver Sentencia Completa...<\/a><\/div><\/div><\/div><\/div>\n<div class=\"col-md-12 col-sm-12 col-xs-12 pt-cv-content-item pt-cv-1-col\" ><div class='pt-cv-ifield'><a href=\"https:\/\/www.dmsjuridica.com\/buscador_20179478954\/corteconstitucionalcronologico202454587\/t-308-95\/\" class=\"_self pt-cv-href-thumbnail pt-cv-thumb-default\" target=\"_self\" ><\/a>\n<div class=\"pt-cv-taxoterm above_title\"><a href='https:\/\/www.dmsjuridica.com\/buscador_20179478954\/corteconstitucionalcronologico202454587\/category\/buscar-en-toda-la-corte\/1995\/tutelas-1995\/' title='Tutelas 1995' class='pt-cv-tax-tutelas-1995'>Tutelas 1995<\/a><\/div>\n<h4 class=\"pt-cv-title\"><a href=\"https:\/\/www.dmsjuridica.com\/buscador_20179478954\/corteconstitucionalcronologico202454587\/t-308-95\/\" class=\"_self\" target=\"_self\" >T 308 95<\/a><\/h4>\n<div class=\"pt-cv-content\">T-308-95 Sentencia No. T-308\/95 Las pretensiones de los accionantes no encajan dentro del sentido y las finalidades de la acci\u00f3n de tutela, pues \u00e9sta se funda en la necesidad de proteger los derechos constitucionales fundamentales cuando contra ellos se haga patente una vulneraci\u00f3n o amenaza por acci\u00f3n u omisi\u00f3n de las autoridades p\u00fablicas o de particulares, en los casos que contempla la ley, sin que el afectado disponga de otro medio de defensa judicial. La jurisprudencia de la Corte debe ser reiterada en esta ocasi\u00f3n para afirmar que cuando la ley ha establecido otras posibilidades de acudir ante los jueces, ...<br \/><div class=\"pt-cv-rmwrap\"><a href=\"https:\/\/www.dmsjuridica.com\/buscador_20179478954\/corteconstitucionalcronologico202454587\/t-308-95\/\" class=\"_self pt-cv-readmore btn btn-success\" target=\"_self\">Ver Sentencia Completa...<\/a><\/div><\/div><\/div><\/div>\n<div class=\"col-md-12 col-sm-12 col-xs-12 pt-cv-content-item pt-cv-1-col\" ><div class='pt-cv-ifield'><a href=\"https:\/\/www.dmsjuridica.com\/buscador_20179478954\/corteconstitucionalcronologico202454587\/t-304-95\/\" class=\"_self pt-cv-href-thumbnail pt-cv-thumb-default\" target=\"_self\" ><\/a>\n<div class=\"pt-cv-taxoterm above_title\"><a href='https:\/\/www.dmsjuridica.com\/buscador_20179478954\/corteconstitucionalcronologico202454587\/category\/buscar-en-toda-la-corte\/1995\/tutelas-1995\/' title='Tutelas 1995' class='pt-cv-tax-tutelas-1995'>Tutelas 1995<\/a><\/div>\n<h4 class=\"pt-cv-title\"><a href=\"https:\/\/www.dmsjuridica.com\/buscador_20179478954\/corteconstitucionalcronologico202454587\/t-304-95\/\" class=\"_self\" target=\"_self\" >T 304 95<\/a><\/h4>\n<div class=\"pt-cv-content\">T-304-95 Sentencia No. T-304\/95 DERECHOS DEL NI\u00d1O-Existencia de v\u00edas policiva y penal no son obst\u00e1culo La existencia de las v\u00edas policiva y penal no son obst\u00e1culo para conceder el amparo de los derechos fundamentales a trav\u00e9s de la tutela. En el caso subjudice, no obstante la existencia de la v\u00eda penal, y al persistir la violaci\u00f3n y amenaza de vulneraci\u00f3n de los derechos fundamentales de los aludidos menores, sea procedente la acci\u00f3n de tutela. Se trata entonces, de hacer una conciliaci\u00f3n entre los fines que persigue la acci\u00f3n penal y los que le han sido asignados a la acci\u00f3n de ...<br \/><div class=\"pt-cv-rmwrap\"><a href=\"https:\/\/www.dmsjuridica.com\/buscador_20179478954\/corteconstitucionalcronologico202454587\/t-304-95\/\" class=\"_self pt-cv-readmore btn btn-success\" target=\"_self\">Ver Sentencia Completa...<\/a><\/div><\/div><\/div><\/div>\n<div class=\"col-md-12 col-sm-12 col-xs-12 pt-cv-content-item pt-cv-1-col\" ><div class='pt-cv-ifield'><a href=\"https:\/\/www.dmsjuridica.com\/buscador_20179478954\/corteconstitucionalcronologico202454587\/t-303-95\/\" class=\"_self pt-cv-href-thumbnail pt-cv-thumb-default\" target=\"_self\" ><\/a>\n<div class=\"pt-cv-taxoterm above_title\"><a href='https:\/\/www.dmsjuridica.com\/buscador_20179478954\/corteconstitucionalcronologico202454587\/category\/buscar-en-toda-la-corte\/1995\/tutelas-1995\/' title='Tutelas 1995' class='pt-cv-tax-tutelas-1995'>Tutelas 1995<\/a><\/div>\n<h4 class=\"pt-cv-title\"><a href=\"https:\/\/www.dmsjuridica.com\/buscador_20179478954\/corteconstitucionalcronologico202454587\/t-303-95\/\" class=\"_self\" target=\"_self\" >T 303 95<\/a><\/h4>\n<div class=\"pt-cv-content\">T-303-95 Sentencia No. T-303\/95 ACCION DE TUTELA CONTRA ALCALDIA DE BOGOTA\/FEDERACION COLOMBIANA DE CICLISMO-Separaci\u00f3n de directivos La vulneraci\u00f3n del debido proceso est\u00e1 representada para la Corte, en el hecho de que a los demandantes de tutela se les impuso una sanci\u00f3n, consistente en la orden de separarlos de los cargos que ejerc\u00edan en la Federaci\u00f3n Colombiana de Ciclismo, por una autoridad que carec\u00eda en forma absoluta de competencia para adoptar ese tipo de decisi\u00f3n -la Alcald\u00eda Mayor de Santa F\u00e9 de Bogot\u00e1-, seg\u00fan se desprende de lo dispuesto en el Decreto 2471 de noviembre 4 de 1994, raz\u00f3n por la ...<br \/><div class=\"pt-cv-rmwrap\"><a href=\"https:\/\/www.dmsjuridica.com\/buscador_20179478954\/corteconstitucionalcronologico202454587\/t-303-95\/\" class=\"_self pt-cv-readmore btn btn-success\" target=\"_self\">Ver Sentencia Completa...<\/a><\/div><\/div><\/div><\/div>\n<div class=\"col-md-12 col-sm-12 col-xs-12 pt-cv-content-item pt-cv-1-col\" ><div class='pt-cv-ifield'><a href=\"https:\/\/www.dmsjuridica.com\/buscador_20179478954\/corteconstitucionalcronologico202454587\/t-302-95\/\" class=\"_self pt-cv-href-thumbnail pt-cv-thumb-default\" target=\"_self\" ><\/a>\n<div class=\"pt-cv-taxoterm above_title\"><a href='https:\/\/www.dmsjuridica.com\/buscador_20179478954\/corteconstitucionalcronologico202454587\/category\/buscar-en-toda-la-corte\/1995\/tutelas-1995\/' title='Tutelas 1995' class='pt-cv-tax-tutelas-1995'>Tutelas 1995<\/a><\/div>\n<h4 class=\"pt-cv-title\"><a href=\"https:\/\/www.dmsjuridica.com\/buscador_20179478954\/corteconstitucionalcronologico202454587\/t-302-95\/\" class=\"_self\" target=\"_self\" >T 302 95<\/a><\/h4>\n<div class=\"pt-cv-content\">T-302-95 Sentencia No. T-302\/95 DERECHO DE PETICION-Pronta resoluci\u00f3n Esta Corporaci\u00f3n en repetidas oportunidades se ha referido al derecho de petici\u00f3n, y ha accedido a la tutela solicitada por diversos demandantes, cuando ha observado una injustificada demora en la respuesta que las entidades administrativas deben dar a las peticiones que les formulen los particulares, pues el art\u00edculo 23 de la Carta Pol\u00edtica establece que \u00e9stos tienen derecho a \"obtener pronta resoluci\u00f3n.\" CONDENA EN COSTAS-Improcedencia Respecto de la condena en costas solicitada, no acceder\u00e1 esta Corporaci\u00f3n a tal pretensi\u00f3n, con fundamento en lo dispuesto por el art\u00edculo 25 del Decreto 2591 de ...<br \/><div class=\"pt-cv-rmwrap\"><a href=\"https:\/\/www.dmsjuridica.com\/buscador_20179478954\/corteconstitucionalcronologico202454587\/t-302-95\/\" class=\"_self pt-cv-readmore btn btn-success\" target=\"_self\">Ver Sentencia Completa...<\/a><\/div><\/div><\/div><\/div>\n<div class=\"col-md-12 col-sm-12 col-xs-12 pt-cv-content-item pt-cv-1-col\" ><div class='pt-cv-ifield'><a href=\"https:\/\/www.dmsjuridica.com\/buscador_20179478954\/corteconstitucionalcronologico202454587\/t-301-95\/\" class=\"_self pt-cv-href-thumbnail pt-cv-thumb-default\" target=\"_self\" ><\/a>\n<div class=\"pt-cv-taxoterm above_title\"><a href='https:\/\/www.dmsjuridica.com\/buscador_20179478954\/corteconstitucionalcronologico202454587\/category\/buscar-en-toda-la-corte\/1995\/tutelas-1995\/' title='Tutelas 1995' class='pt-cv-tax-tutelas-1995'>Tutelas 1995<\/a><\/div>\n<h4 class=\"pt-cv-title\"><a href=\"https:\/\/www.dmsjuridica.com\/buscador_20179478954\/corteconstitucionalcronologico202454587\/t-301-95\/\" class=\"_self\" target=\"_self\" >T 301 95<\/a><\/h4>\n<div class=\"pt-cv-content\">T-301-95 Sentencia No. T-301\/95 Otro medio de defensa de que dispone el actor para la protecci\u00f3n de su derecho, es acudir ante la jurisdicci\u00f3n ordinaria para hacer cumplir lo pactado en el contrato de arrendamiento celebrado con la Corporaci\u00f3n accionada (contrato que ni se anex\u00f3 a la demanda ni se present\u00f3 ante los jueces de instancia), presuntamente terminado en forma injusta y unilateral por dicha instituci\u00f3n, antes del t\u00e9rmino estipulado en el mismo. En este sentido, frente la existencia del otro medio de defensa judicial, la acci\u00f3n de tutela debe rechazarse por improcedente. REF.: Expediente No. T - 62.615 PETICIONARIO: ...<br \/><div class=\"pt-cv-rmwrap\"><a href=\"https:\/\/www.dmsjuridica.com\/buscador_20179478954\/corteconstitucionalcronologico202454587\/t-301-95\/\" class=\"_self pt-cv-readmore btn btn-success\" target=\"_self\">Ver Sentencia Completa...<\/a><\/div><\/div><\/div><\/div>\n<div class=\"col-md-12 col-sm-12 col-xs-12 pt-cv-content-item pt-cv-1-col\" ><div class='pt-cv-ifield'><a href=\"https:\/\/www.dmsjuridica.com\/buscador_20179478954\/corteconstitucionalcronologico202454587\/t-300-95\/\" class=\"_self pt-cv-href-thumbnail pt-cv-thumb-default\" target=\"_self\" ><\/a>\n<div class=\"pt-cv-taxoterm above_title\"><a href='https:\/\/www.dmsjuridica.com\/buscador_20179478954\/corteconstitucionalcronologico202454587\/category\/buscar-en-toda-la-corte\/1995\/tutelas-1995\/' title='Tutelas 1995' class='pt-cv-tax-tutelas-1995'>Tutelas 1995<\/a><\/div>\n<h4 class=\"pt-cv-title\"><a href=\"https:\/\/www.dmsjuridica.com\/buscador_20179478954\/corteconstitucionalcronologico202454587\/t-300-95\/\" class=\"_self\" target=\"_self\" >T 300 95<\/a><\/h4>\n<div class=\"pt-cv-content\">T-300-95 Sentencia No. T-300\/95 LEGITIMACION POR ACTIVA EN TUTELA Esta providencia se referir\u00e1 de manera exclusiva a los derechos fundamentales del actor y de su familia, y no a los de sus vecinos, pues \u00e9stos tienen plena capacidad de promover su propia defensa directamente o por medio de representante, de conformidad con la disposici\u00f3n citada. DERECHO A LA PAZ Si bien el accionante invoca como derecho vulnerado el de la paz, y que de conformidad con el art\u00edculo 6o. del Decreto 2591 la tutela resulta improcedente como mecanismo judicial para su protecci\u00f3n, pues \u00e9ste pertenece a los derechos de la ...<br \/><div class=\"pt-cv-rmwrap\"><a href=\"https:\/\/www.dmsjuridica.com\/buscador_20179478954\/corteconstitucionalcronologico202454587\/t-300-95\/\" class=\"_self pt-cv-readmore btn btn-success\" target=\"_self\">Ver Sentencia Completa...<\/a><\/div><\/div><\/div><\/div>\n<div class=\"col-md-12 col-sm-12 col-xs-12 pt-cv-content-item pt-cv-1-col\" ><div class='pt-cv-ifield'><a href=\"https:\/\/www.dmsjuridica.com\/buscador_20179478954\/corteconstitucionalcronologico202454587\/t-299-95\/\" class=\"_self pt-cv-href-thumbnail pt-cv-thumb-default\" target=\"_self\" ><\/a>\n<div class=\"pt-cv-taxoterm above_title\"><a href='https:\/\/www.dmsjuridica.com\/buscador_20179478954\/corteconstitucionalcronologico202454587\/category\/buscar-en-toda-la-corte\/1995\/tutelas-1995\/' title='Tutelas 1995' class='pt-cv-tax-tutelas-1995'>Tutelas 1995<\/a><\/div>\n<h4 class=\"pt-cv-title\"><a href=\"https:\/\/www.dmsjuridica.com\/buscador_20179478954\/corteconstitucionalcronologico202454587\/t-299-95\/\" class=\"_self\" target=\"_self\" >T 299 95<\/a><\/h4>\n<div class=\"pt-cv-content\">T-299-95 Sentencia No. T-299\/95 DERECHO DE PETICION-Pronta Resoluci\u00f3n La respuesta que le otorga verdadera eficacia al derecho de petici\u00f3n es aquella que, adem\u00e1s de producirse oportunamente, aborda el fondo del asunto de que se trate; no es otro el sentido de la preceptiva constitucional que se refiere a la pronta resoluci\u00f3n, indicando as\u00ed que no basta un pronunciamiento que tocando de manera apenas tangencial las inquietudes del peticionario omita el tratamiento del problema, la duda o la dificultad expuestos en cada caso. Lo anterior no significa que en toda circunstancia la decisi\u00f3n deba acoger las pretensiones del solicitante; lo que ...<br \/><div class=\"pt-cv-rmwrap\"><a href=\"https:\/\/www.dmsjuridica.com\/buscador_20179478954\/corteconstitucionalcronologico202454587\/t-299-95\/\" class=\"_self pt-cv-readmore btn btn-success\" target=\"_self\">Ver Sentencia Completa...<\/a><\/div><\/div><\/div><\/div>\n<div class=\"col-md-12 col-sm-12 col-xs-12 pt-cv-content-item pt-cv-1-col\" ><div class='pt-cv-ifield'><a href=\"https:\/\/www.dmsjuridica.com\/buscador_20179478954\/corteconstitucionalcronologico202454587\/t-298-95\/\" class=\"_self pt-cv-href-thumbnail pt-cv-thumb-default\" target=\"_self\" ><\/a>\n<div class=\"pt-cv-taxoterm above_title\"><a href='https:\/\/www.dmsjuridica.com\/buscador_20179478954\/corteconstitucionalcronologico202454587\/category\/buscar-en-toda-la-corte\/1995\/tutelas-1995\/' title='Tutelas 1995' class='pt-cv-tax-tutelas-1995'>Tutelas 1995<\/a><\/div>\n<h4 class=\"pt-cv-title\"><a href=\"https:\/\/www.dmsjuridica.com\/buscador_20179478954\/corteconstitucionalcronologico202454587\/t-298-95\/\" class=\"_self\" target=\"_self\" >T 298 95<\/a><\/h4>\n<div class=\"pt-cv-content\">T-298-95 Sentencia No. T-298\/95 CONCURSO DE MERITOS Lo que importa para la protecci\u00f3n de los derechos de los participantes en un concurso, es el respeto a las reglas del mismo, independientemente de si se trata o no de empleados p\u00fablicos, ya que, para los efectos de la acci\u00f3n de tutela no interesa tanto definir si se trata de un empleado p\u00fablico o de un trabajador oficial sino examinar si hubo o no violaci\u00f3n de un derecho constitucional fundamental. As\u00ed las cosas, en el caso que ahora ocupa la atenci\u00f3n de la Sala, se advierte que conforme a la afirmaci\u00f3n del ...<br \/><div class=\"pt-cv-rmwrap\"><a href=\"https:\/\/www.dmsjuridica.com\/buscador_20179478954\/corteconstitucionalcronologico202454587\/t-298-95\/\" class=\"_self pt-cv-readmore btn btn-success\" target=\"_self\">Ver Sentencia Completa...<\/a><\/div><\/div><\/div><\/div>\n<div class=\"col-md-12 col-sm-12 col-xs-12 pt-cv-content-item pt-cv-1-col\" ><div class='pt-cv-ifield'><a href=\"https:\/\/www.dmsjuridica.com\/buscador_20179478954\/corteconstitucionalcronologico202454587\/t-297-95\/\" class=\"_self pt-cv-href-thumbnail pt-cv-thumb-default\" target=\"_self\" ><\/a>\n<div class=\"pt-cv-taxoterm above_title\"><a href='https:\/\/www.dmsjuridica.com\/buscador_20179478954\/corteconstitucionalcronologico202454587\/category\/buscar-en-toda-la-corte\/1995\/tutelas-1995\/' title='Tutelas 1995' class='pt-cv-tax-tutelas-1995'>Tutelas 1995<\/a><\/div>\n<h4 class=\"pt-cv-title\"><a href=\"https:\/\/www.dmsjuridica.com\/buscador_20179478954\/corteconstitucionalcronologico202454587\/t-297-95\/\" class=\"_self\" target=\"_self\" >T 297 95<\/a><\/h4>\n<div class=\"pt-cv-content\">T-297-95 Sentencia No. T-297\/95 ACCION DE TUTELA-Desistimiento de la Procuradur\u00eda Cuando se trate de derechos fundamentales es posible el desistimiento, siempre y cuando se comprometan s\u00f3lo los intereses del demandante, y este desistimiento puede estar condicionado en la forma prevista en el art\u00edculo 26 del decreto 2591 de 1991, norma especial para el procedimiento de tutela. Por consiguiente no es procedente acudir al C. de P.C., ya que en este tema existe norma especial. DERECHOS DEL MENOR-Protecci\u00f3n\/CENTRO DE EMERGENCIA VILLA JAVIER DEL INSTITUTO COLOMBIANO DE BIENESTAR FAMILIAR El C\u00f3digo del Menor contempla que una de las medidas a adoptar para ...<br \/><div class=\"pt-cv-rmwrap\"><a href=\"https:\/\/www.dmsjuridica.com\/buscador_20179478954\/corteconstitucionalcronologico202454587\/t-297-95\/\" class=\"_self pt-cv-readmore btn btn-success\" target=\"_self\">Ver Sentencia Completa...<\/a><\/div><\/div><\/div><\/div>\n<div class=\"col-md-12 col-sm-12 col-xs-12 pt-cv-content-item pt-cv-1-col\" ><div class='pt-cv-ifield'><a href=\"https:\/\/www.dmsjuridica.com\/buscador_20179478954\/corteconstitucionalcronologico202454587\/t-292-95\/\" class=\"_self pt-cv-href-thumbnail pt-cv-thumb-default\" target=\"_self\" ><\/a>\n<div class=\"pt-cv-taxoterm above_title\"><a href='https:\/\/www.dmsjuridica.com\/buscador_20179478954\/corteconstitucionalcronologico202454587\/category\/buscar-en-toda-la-corte\/1995\/tutelas-1995\/' title='Tutelas 1995' class='pt-cv-tax-tutelas-1995'>Tutelas 1995<\/a><\/div>\n<h4 class=\"pt-cv-title\"><a href=\"https:\/\/www.dmsjuridica.com\/buscador_20179478954\/corteconstitucionalcronologico202454587\/t-292-95\/\" class=\"_self\" target=\"_self\" >T 292 95<\/a><\/h4>\n<div class=\"pt-cv-content\">T-292-95 Sentencia No. T-292\/95 DERECHO A LA SEGURIDAD SOCIAL\/PENSION DE INVALIDEZ-Fundamental\/DERECHOS FUNDAMENTALES Una de las manifestaciones contempor\u00e1neas de expresi\u00f3n del derecho a la seguridad social es el derecho a la pensi\u00f3n de invalidez, que busca compensar la situaci\u00f3n de infortunio derivada de la p\u00e9rdida de la capacidad laboral, mediante el otorgamiento de unas prestaciones econ\u00f3micas y de salud, cuya caracter\u00edstica fundamental en su condici\u00f3n de esenciales e irrenunciables. En este orden de ideas, la \u00edntima conexi\u00f3n entre el derecho a la seguridad social y su manifestaci\u00f3n a trav\u00e9s de la pensi\u00f3n de invalidez y los derechos a la vida y ...<br \/><div class=\"pt-cv-rmwrap\"><a href=\"https:\/\/www.dmsjuridica.com\/buscador_20179478954\/corteconstitucionalcronologico202454587\/t-292-95\/\" class=\"_self pt-cv-readmore btn btn-success\" target=\"_self\">Ver Sentencia Completa...<\/a><\/div><\/div><\/div><\/div>\n<div class=\"col-md-12 col-sm-12 col-xs-12 pt-cv-content-item pt-cv-1-col\" ><div class='pt-cv-ifield'><a href=\"https:\/\/www.dmsjuridica.com\/buscador_20179478954\/corteconstitucionalcronologico202454587\/t-291-95\/\" class=\"_self pt-cv-href-thumbnail pt-cv-thumb-default\" target=\"_self\" ><\/a>\n<div class=\"pt-cv-taxoterm above_title\"><a href='https:\/\/www.dmsjuridica.com\/buscador_20179478954\/corteconstitucionalcronologico202454587\/category\/buscar-en-toda-la-corte\/1995\/tutelas-1995\/' title='Tutelas 1995' class='pt-cv-tax-tutelas-1995'>Tutelas 1995<\/a><\/div>\n<h4 class=\"pt-cv-title\"><a href=\"https:\/\/www.dmsjuridica.com\/buscador_20179478954\/corteconstitucionalcronologico202454587\/t-291-95\/\" class=\"_self\" target=\"_self\" >T 291 95<\/a><\/h4>\n<div class=\"pt-cv-content\">T-291-95 Sentencia No. T-291\/95 DERECHO AL TRABAJO\/DERECHO SOCIAL El derecho al trabajo hace parte de esos derechos sociales, pues adem\u00e1s de contribuir a un proceso de efectiva nivelaci\u00f3n e igualdad socio-econ\u00f3mica de los asociados, dignifica y permite la realizaci\u00f3n del individuo como agente protag\u00f3nico en los procesos de desarrollo del n\u00facleo social al que pertenece, mucho m\u00e1s si se tiene en cuenta que en la sociedad contempor\u00e1nea la destreza o el dominio de un saber espec\u00edfico constituye elemento esencial de la identidad y del reconocimiento de la persona. LEGITIMIDAD DE MEDIDAS PATRONALES\/PATRIMONIO DE LA EMPRESA-Protecci\u00f3n\/TRABAJADOR ACUSADO DE HURTO-Suspensi\u00f3n de funciones\/REUBICACION ...<br \/><div class=\"pt-cv-rmwrap\"><a href=\"https:\/\/www.dmsjuridica.com\/buscador_20179478954\/corteconstitucionalcronologico202454587\/t-291-95\/\" class=\"_self pt-cv-readmore btn btn-success\" target=\"_self\">Ver Sentencia Completa...<\/a><\/div><\/div><\/div><\/div>\n<div class=\"col-md-12 col-sm-12 col-xs-12 pt-cv-content-item pt-cv-1-col\" ><div class='pt-cv-ifield'><a href=\"https:\/\/www.dmsjuridica.com\/buscador_20179478954\/corteconstitucionalcronologico202454587\/t-290-95\/\" class=\"_self pt-cv-href-thumbnail pt-cv-thumb-default\" target=\"_self\" ><\/a>\n<div class=\"pt-cv-taxoterm above_title\"><a href='https:\/\/www.dmsjuridica.com\/buscador_20179478954\/corteconstitucionalcronologico202454587\/category\/buscar-en-toda-la-corte\/1995\/tutelas-1995\/' title='Tutelas 1995' class='pt-cv-tax-tutelas-1995'>Tutelas 1995<\/a><\/div>\n<h4 class=\"pt-cv-title\"><a href=\"https:\/\/www.dmsjuridica.com\/buscador_20179478954\/corteconstitucionalcronologico202454587\/t-290-95\/\" class=\"_self\" target=\"_self\" >T 290 95<\/a><\/h4>\n<div class=\"pt-cv-content\">T-290-95 Sentencia No. T-290\/95 ACCION DE TUTELA-Improcedencia\/MEDIO DE DEFENSA JUDICIAL\/DECLARACION DE ABANDONO-Recursos El actor a\u00fan puede, antes de que quede en firme la declaraci\u00f3n de abandono o de adopci\u00f3n, solicitar al Juez de Familia competente, \"la terminaci\u00f3n de los efectos de las declaraciones hechas por el Defensor de Familia y la finalizaci\u00f3n de las medidas de protecci\u00f3n adoptadas\", demostrando para ello que se han superado las circunstancias que dieron lugar a dichas medidas. Dada la eficacia de este tr\u00e1mite para la protecci\u00f3n de los derechos de quien solicita el cuidado del menor, el cual se surte mediante procedimiento verbal sumario, ...<br \/><div class=\"pt-cv-rmwrap\"><a href=\"https:\/\/www.dmsjuridica.com\/buscador_20179478954\/corteconstitucionalcronologico202454587\/t-290-95\/\" class=\"_self pt-cv-readmore btn btn-success\" target=\"_self\">Ver Sentencia Completa...<\/a><\/div><\/div><\/div><\/div>\n<div class=\"col-md-12 col-sm-12 col-xs-12 pt-cv-content-item pt-cv-1-col\" ><div class='pt-cv-ifield'><a href=\"https:\/\/www.dmsjuridica.com\/buscador_20179478954\/corteconstitucionalcronologico202454587\/t-289-95\/\" class=\"_self pt-cv-href-thumbnail pt-cv-thumb-default\" target=\"_self\" ><\/a>\n<div class=\"pt-cv-taxoterm above_title\"><a href='https:\/\/www.dmsjuridica.com\/buscador_20179478954\/corteconstitucionalcronologico202454587\/category\/buscar-en-toda-la-corte\/1995\/tutelas-1995\/' title='Tutelas 1995' class='pt-cv-tax-tutelas-1995'>Tutelas 1995<\/a><\/div>\n<h4 class=\"pt-cv-title\"><a href=\"https:\/\/www.dmsjuridica.com\/buscador_20179478954\/corteconstitucionalcronologico202454587\/t-289-95\/\" class=\"_self\" target=\"_self\" >T 289 95<\/a><\/h4>\n<div class=\"pt-cv-content\">T-289-95 Sentencia No. T-289\/95 NEGLIGENCIA DE LAS PARTES La acci\u00f3n de tutela es improcedente cuando se interpone como mecanismo para remediar la negligencia de las partes en un proceso. PROCESO POLICIVO\/LITISCONSORCIO NECESARIO\/INSPECTOR DE POLICIA-Actuaci\u00f3n irregular Se daban todos los supuestos de hecho exigidos por el art\u00edculo 51 del C.P.C., para que la inspectora pudiera de oficio integrar al contradictorio concediendo a la comunidad religiosa la calidad de litisconsorte necesario. En el mencionado art\u00edculo del ordenamiento procesal civil, aplicable al proceso de polic\u00eda, se establece que la figura del litisconsorcio necesario se presenta siempre que \"la cuesti\u00f3n litigiosa haya de resolverse ...<br \/><div class=\"pt-cv-rmwrap\"><a href=\"https:\/\/www.dmsjuridica.com\/buscador_20179478954\/corteconstitucionalcronologico202454587\/t-289-95\/\" class=\"_self pt-cv-readmore btn btn-success\" target=\"_self\">Ver Sentencia Completa...<\/a><\/div><\/div><\/div><\/div>\n<div class=\"col-md-12 col-sm-12 col-xs-12 pt-cv-content-item pt-cv-1-col\" ><div class='pt-cv-ifield'><a href=\"https:\/\/www.dmsjuridica.com\/buscador_20179478954\/corteconstitucionalcronologico202454587\/t-288-95\/\" class=\"_self pt-cv-href-thumbnail pt-cv-thumb-default\" target=\"_self\" ><\/a>\n<div class=\"pt-cv-taxoterm above_title\"><a href='https:\/\/www.dmsjuridica.com\/buscador_20179478954\/corteconstitucionalcronologico202454587\/category\/buscar-en-toda-la-corte\/1995\/tutelas-1995\/' title='Tutelas 1995' class='pt-cv-tax-tutelas-1995'>Tutelas 1995<\/a><\/div>\n<h4 class=\"pt-cv-title\"><a href=\"https:\/\/www.dmsjuridica.com\/buscador_20179478954\/corteconstitucionalcronologico202454587\/t-288-95\/\" class=\"_self\" target=\"_self\" >T 288 95<\/a><\/h4>\n<div class=\"pt-cv-content\">T-288-95 Sentencia No. T-288\/95 ACCION DE TUTELA CONTRA PARTICULARES QUE DIRIGEN EL FUTBOL\/INDEFENSION Las normas expedidas por las organizaciones particulares que promueven y dirigen el espect\u00e1culo del f\u00fatbol, son de naturaleza privada. Frente a estas disposiciones, el ordenamiento jur\u00eddico no tiene previstas acciones o medios de defensa judicial - acciones de nulidad o de inconstitucionalidad -, que permitan su control y aseguren la protecci\u00f3n de los derechos de sus destinatarios o de terceros. Es as\u00ed como, las personas afectadas por el contenido de estas directrices de car\u00e1cter privado, se encuentran en relaci\u00f3n de indefensi\u00f3n frente a las organizaciones privadas que ...<br \/><div class=\"pt-cv-rmwrap\"><a href=\"https:\/\/www.dmsjuridica.com\/buscador_20179478954\/corteconstitucionalcronologico202454587\/t-288-95\/\" class=\"_self pt-cv-readmore btn btn-success\" target=\"_self\">Ver Sentencia Completa...<\/a><\/div><\/div><\/div><\/div>\n<div class=\"col-md-12 col-sm-12 col-xs-12 pt-cv-content-item pt-cv-1-col\" ><div class='pt-cv-ifield'><a href=\"https:\/\/www.dmsjuridica.com\/buscador_20179478954\/corteconstitucionalcronologico202454587\/t-287-95\/\" class=\"_self pt-cv-href-thumbnail pt-cv-thumb-default\" target=\"_self\" ><\/a>\n<div class=\"pt-cv-taxoterm above_title\"><a href='https:\/\/www.dmsjuridica.com\/buscador_20179478954\/corteconstitucionalcronologico202454587\/category\/buscar-en-toda-la-corte\/1995\/tutelas-1995\/' title='Tutelas 1995' class='pt-cv-tax-tutelas-1995'>Tutelas 1995<\/a><\/div>\n<h4 class=\"pt-cv-title\"><a href=\"https:\/\/www.dmsjuridica.com\/buscador_20179478954\/corteconstitucionalcronologico202454587\/t-287-95\/\" class=\"_self\" target=\"_self\" >T 287 95<\/a><\/h4>\n<div class=\"pt-cv-content\">T-287-95 Sentencia No. T-287\/95 DERECHO A LA SEGURIDAD SOCIAL-Fundamental El derecho a la seguridad social es un derecho program\u00e1tico, de desarrollo progresivo y obligatorio por parte del legislador. No obstante, en lo que se refiere a la pensi\u00f3n de vejez, la Corte ha sostenido que el respectivo derecho a la seguridad social puede adquirir el car\u00e1cter de fundamental, debido a su conexidad directa con el derecho al trabajo. DERECHO A LA SEGURIDAD SOCIAL-Vulneraci\u00f3n\/PENSION DE JUBILACION\/MORA EN LOS APORTES DERECHO A LA ESTABILIDAD DE LA PENSION-Fundamental\/NEGLIGENCIA DEL PATRONO\/ACCION DE TUTELA CONTRA EMPRESA-Suspensi\u00f3n del pago de pensi\u00f3n La obligaci\u00f3n de protecci\u00f3n y ...<br \/><div class=\"pt-cv-rmwrap\"><a href=\"https:\/\/www.dmsjuridica.com\/buscador_20179478954\/corteconstitucionalcronologico202454587\/t-287-95\/\" class=\"_self pt-cv-readmore btn btn-success\" target=\"_self\">Ver Sentencia Completa...<\/a><\/div><\/div><\/div><\/div>\n<div class=\"col-md-12 col-sm-12 col-xs-12 pt-cv-content-item pt-cv-1-col\" ><div class='pt-cv-ifield'><a href=\"https:\/\/www.dmsjuridica.com\/buscador_20179478954\/corteconstitucionalcronologico202454587\/t-286-95\/\" class=\"_self pt-cv-href-thumbnail pt-cv-thumb-default\" target=\"_self\" ><\/a>\n<div class=\"pt-cv-taxoterm above_title\"><a href='https:\/\/www.dmsjuridica.com\/buscador_20179478954\/corteconstitucionalcronologico202454587\/category\/buscar-en-toda-la-corte\/1995\/tutelas-1995\/' title='Tutelas 1995' class='pt-cv-tax-tutelas-1995'>Tutelas 1995<\/a><\/div>\n<h4 class=\"pt-cv-title\"><a href=\"https:\/\/www.dmsjuridica.com\/buscador_20179478954\/corteconstitucionalcronologico202454587\/t-286-95\/\" class=\"_self\" target=\"_self\" >T 286 95<\/a><\/h4>\n<div class=\"pt-cv-content\">T-286-95 Sentencia No. T-286\/95 CONCURSO DE MERITOS-Finalidad\/CONCURSO DE MERITOS-Publicidad de resultados\/DEBIDO PROCESO-Vulneraci\u00f3n El fin natural de la realizaci\u00f3n de los concursos p\u00fablicos por parte de las entidades del Estado, es que \u00e9stos culminen con el nombramiento del mejor de los participantes. De esta manera se asegura que el Estado contar\u00e1, entre sus servidores, con los m\u00e1s capacitados, lo que permitir\u00e1 el cumplimiento de sus prop\u00f3sitos. Para lograr los fines del concurso, los participantes y otras personas que eventualmente puedan tener un inter\u00e9s en sus resultados, tienen derecho a ejercer control sobre la forma como se ha desarrollado. Pero, este control ...<br \/><div class=\"pt-cv-rmwrap\"><a href=\"https:\/\/www.dmsjuridica.com\/buscador_20179478954\/corteconstitucionalcronologico202454587\/t-286-95\/\" class=\"_self pt-cv-readmore btn btn-success\" target=\"_self\">Ver Sentencia Completa...<\/a><\/div><\/div><\/div><\/div>\n<div class=\"col-md-12 col-sm-12 col-xs-12 pt-cv-content-item pt-cv-1-col\" ><div class='pt-cv-ifield'><a href=\"https:\/\/www.dmsjuridica.com\/buscador_20179478954\/corteconstitucionalcronologico202454587\/t-285-95\/\" class=\"_self pt-cv-href-thumbnail pt-cv-thumb-default\" target=\"_self\" ><\/a>\n<div class=\"pt-cv-taxoterm above_title\"><a href='https:\/\/www.dmsjuridica.com\/buscador_20179478954\/corteconstitucionalcronologico202454587\/category\/buscar-en-toda-la-corte\/1995\/tutelas-1995\/' title='Tutelas 1995' class='pt-cv-tax-tutelas-1995'>Tutelas 1995<\/a><\/div>\n<h4 class=\"pt-cv-title\"><a href=\"https:\/\/www.dmsjuridica.com\/buscador_20179478954\/corteconstitucionalcronologico202454587\/t-285-95\/\" class=\"_self\" target=\"_self\" >T 285 95<\/a><\/h4>\n<div class=\"pt-cv-content\">T-285-95 12 Sentencia No. T-285\/95 ACCION DE TUTELA CONTRA PROVIDENCIAS JUDICIALES\/VIA DE HECHO\/INSTITUTO COLOMBIANO DE LA REFORMA AGRARIA\/ACCION DE REPARACION DIRECTA Respecto de la procedencia de la acci\u00f3n de tutela contra las providencias emanadas de una autoridad judicial, la acci\u00f3n de tutela resulta procedente cuando la decisi\u00f3n judicial se hubiese proferido mediante una \u201cv\u00eda de hecho\u201d que atente contra los derechos constitucionales fundamentales de una de las partes dentro del proceso. Se trata, pues, de decisiones que contengan un fundamento arbitrario, caprichoso o abusivo; es decir, que se desconzca el principio de que al juez le corresponde pronunciarse judicialmente de ...<br \/><div class=\"pt-cv-rmwrap\"><a href=\"https:\/\/www.dmsjuridica.com\/buscador_20179478954\/corteconstitucionalcronologico202454587\/t-285-95\/\" class=\"_self pt-cv-readmore btn btn-success\" target=\"_self\">Ver Sentencia Completa...<\/a><\/div><\/div><\/div><\/div>\n<div class=\"col-md-12 col-sm-12 col-xs-12 pt-cv-content-item pt-cv-1-col\" ><div class='pt-cv-ifield'><a href=\"https:\/\/www.dmsjuridica.com\/buscador_20179478954\/corteconstitucionalcronologico202454587\/t-284-95\/\" class=\"_self pt-cv-href-thumbnail pt-cv-thumb-default\" target=\"_self\" ><\/a>\n<div class=\"pt-cv-taxoterm above_title\"><a href='https:\/\/www.dmsjuridica.com\/buscador_20179478954\/corteconstitucionalcronologico202454587\/category\/buscar-en-toda-la-corte\/1995\/tutelas-1995\/' title='Tutelas 1995' class='pt-cv-tax-tutelas-1995'>Tutelas 1995<\/a><\/div>\n<h4 class=\"pt-cv-title\"><a href=\"https:\/\/www.dmsjuridica.com\/buscador_20179478954\/corteconstitucionalcronologico202454587\/t-284-95\/\" class=\"_self\" target=\"_self\" >T 284 95<\/a><\/h4>\n<div class=\"pt-cv-content\">T-284-95 Sentencia No. T-284\/95 DERECHO AL AMBIENTE SANO\/DERECHOS COLECTIVOS DERECHO AL AMBIENTE SANO\/DERECHOS FUNDAMENTALES-Conexidad\/ACCION DE TUTELA La situaci\u00f3n ambiental, derivada principalmente del problema sanitario que afecta a toda la Isla de San Andr\u00e9s, conduce a establecer no s\u00f3lo la existencia de la vulneraci\u00f3n del derecho que tienen los peticionarios de la tutela a gozar de un ambiente sano, sino la conexidad de dicha transgresi\u00f3n con la amenaza de violaci\u00f3n de los derechos fundamentales a la salud, a la integridad f\u00edsica y a la vida de los peticionarios e igualmente de todos los habitantes de dicha Isla. Si bien el derecho ...<br \/><div class=\"pt-cv-rmwrap\"><a href=\"https:\/\/www.dmsjuridica.com\/buscador_20179478954\/corteconstitucionalcronologico202454587\/t-284-95\/\" class=\"_self pt-cv-readmore btn btn-success\" target=\"_self\">Ver Sentencia Completa...<\/a><\/div><\/div><\/div><\/div>\n<div class=\"col-md-12 col-sm-12 col-xs-12 pt-cv-content-item pt-cv-1-col\" ><div class='pt-cv-ifield'><a href=\"https:\/\/www.dmsjuridica.com\/buscador_20179478954\/corteconstitucionalcronologico202454587\/t-279-95\/\" class=\"_self pt-cv-href-thumbnail pt-cv-thumb-default\" target=\"_self\" ><\/a>\n<div class=\"pt-cv-taxoterm above_title\"><a href='https:\/\/www.dmsjuridica.com\/buscador_20179478954\/corteconstitucionalcronologico202454587\/category\/buscar-en-toda-la-corte\/1995\/tutelas-1995\/' title='Tutelas 1995' class='pt-cv-tax-tutelas-1995'>Tutelas 1995<\/a><\/div>\n<h4 class=\"pt-cv-title\"><a href=\"https:\/\/www.dmsjuridica.com\/buscador_20179478954\/corteconstitucionalcronologico202454587\/t-279-95\/\" class=\"_self\" target=\"_self\" >T 279 95<\/a><\/h4>\n<div class=\"pt-cv-content\">T-279-95 Sentencia No. T-279\/95 EXCEPCION DE INCONSTITUCIONALIDAD EN TUTELA\/RECURSOS-Naturaleza\/MULTA-Improcedencia de su pago Es la tutela un mecanismo apropiado para obtener la inaplicaci\u00f3n en el caso concreto de la ley u otra norma de car\u00e1cter general que imponga restricciones que atenten contra el debido proceso, el derecho de defensa o el acceso a la justicia, si como consecuencia de su observancia se vulneran o amenazan derechos fundamentales de las personas. La tutela objeto de estudio se constituye en el mecanismo jur\u00eddico apropiado para que se inaplique el art\u00edculo 8o. de la Ley 1a. de 1963, pues la exigencia en \u00e9l consagrada ...<br \/><div class=\"pt-cv-rmwrap\"><a href=\"https:\/\/www.dmsjuridica.com\/buscador_20179478954\/corteconstitucionalcronologico202454587\/t-279-95\/\" class=\"_self pt-cv-readmore btn btn-success\" target=\"_self\">Ver Sentencia Completa...<\/a><\/div><\/div><\/div><\/div>\n<div class=\"col-md-12 col-sm-12 col-xs-12 pt-cv-content-item pt-cv-1-col\" ><div class='pt-cv-ifield'><a href=\"https:\/\/www.dmsjuridica.com\/buscador_20179478954\/corteconstitucionalcronologico202454587\/t-278-95\/\" class=\"_self pt-cv-href-thumbnail pt-cv-thumb-default\" target=\"_self\" ><\/a>\n<div class=\"pt-cv-taxoterm above_title\"><a href='https:\/\/www.dmsjuridica.com\/buscador_20179478954\/corteconstitucionalcronologico202454587\/category\/buscar-en-toda-la-corte\/1995\/tutelas-1995\/' title='Tutelas 1995' class='pt-cv-tax-tutelas-1995'>Tutelas 1995<\/a><\/div>\n<h4 class=\"pt-cv-title\"><a href=\"https:\/\/www.dmsjuridica.com\/buscador_20179478954\/corteconstitucionalcronologico202454587\/t-278-95\/\" class=\"_self\" target=\"_self\" >T 278 95<\/a><\/h4>\n<div class=\"pt-cv-content\">T-278-95 Sentencia No. T-278\/95 PERJUICIO IRREMEDIABLE-Inexistencia\/ACCION DE TUTELA-Improcedencia\/PRESTACIONES SOCIALES-Pago\/JURISDICCION LABORAL\/EMPLEADOS DEL CLUB DE TELECOM El no pago oportuno de los salarios y prestaciones adeudados al trabajador da lugar a la sanci\u00f3n moratoria de los denominados salarios ca\u00eddos, cuya decisi\u00f3n corresponde a la justicia del trabajo, y en tales circunstancias no puede el juez de tutela sustituir al juez laboral cuando existen otros medios de defensa judicial, para la definici\u00f3n de esta clase de conflictos. FALLO DE TUTELA-Cumplimiento inmediato\/FALLO DE TUTELA REVOCADO-Efectos cuando se han pagado sumas\/PAGO DE LO DEBIDO En el evento de que la entidad accionada ya hubiese efectuado ...<br \/><div class=\"pt-cv-rmwrap\"><a href=\"https:\/\/www.dmsjuridica.com\/buscador_20179478954\/corteconstitucionalcronologico202454587\/t-278-95\/\" class=\"_self pt-cv-readmore btn btn-success\" target=\"_self\">Ver Sentencia Completa...<\/a><\/div><\/div><\/div><\/div>\n<div class=\"col-md-12 col-sm-12 col-xs-12 pt-cv-content-item pt-cv-1-col\" ><div class='pt-cv-ifield'><a href=\"https:\/\/www.dmsjuridica.com\/buscador_20179478954\/corteconstitucionalcronologico202454587\/t-277-95\/\" class=\"_self pt-cv-href-thumbnail pt-cv-thumb-default\" target=\"_self\" ><\/a>\n<div class=\"pt-cv-taxoterm above_title\"><a href='https:\/\/www.dmsjuridica.com\/buscador_20179478954\/corteconstitucionalcronologico202454587\/category\/buscar-en-toda-la-corte\/1995\/tutelas-1995\/' title='Tutelas 1995' class='pt-cv-tax-tutelas-1995'>Tutelas 1995<\/a><\/div>\n<h4 class=\"pt-cv-title\"><a href=\"https:\/\/www.dmsjuridica.com\/buscador_20179478954\/corteconstitucionalcronologico202454587\/t-277-95\/\" class=\"_self\" target=\"_self\" >T 277 95<\/a><\/h4>\n<div class=\"pt-cv-content\">T-277-95 Sentencia No. T-277\/95 ACTO ADMINISTRATIVO-Presunci\u00f3n de legalidad CAJANAL mediante actos administrativos que gozan de presunci\u00f3n de legalidad, de conformidad con la Constituci\u00f3n y la ley, mientras no sean anulados o suspendidos por la jurisdicci\u00f3n competente, le otorg\u00f3 a la actora el derecho a la pensi\u00f3n de jubilaci\u00f3n y a la pensi\u00f3n gracia. ACTO ADMINISTRATIVO-Irrevocabilidad Creada una situaci\u00f3n jur\u00eddica individual, como la que se configur\u00f3 para la accionante, \u00e9sta es irrevocable unilateralmente por la administraci\u00f3n, salvo que concurra el consentimiento expreso y escrito del titular del derecho. Por lo tanto, cuando un acto administrativo reconoce un derecho como el de ...<br \/><div class=\"pt-cv-rmwrap\"><a href=\"https:\/\/www.dmsjuridica.com\/buscador_20179478954\/corteconstitucionalcronologico202454587\/t-277-95\/\" class=\"_self pt-cv-readmore btn btn-success\" target=\"_self\">Ver Sentencia Completa...<\/a><\/div><\/div><\/div><\/div>\n<div class=\"col-md-12 col-sm-12 col-xs-12 pt-cv-content-item pt-cv-1-col\" ><div class='pt-cv-ifield'><a href=\"https:\/\/www.dmsjuridica.com\/buscador_20179478954\/corteconstitucionalcronologico202454587\/t-276-95\/\" class=\"_self pt-cv-href-thumbnail pt-cv-thumb-default\" target=\"_self\" ><\/a>\n<div class=\"pt-cv-taxoterm above_title\"><a href='https:\/\/www.dmsjuridica.com\/buscador_20179478954\/corteconstitucionalcronologico202454587\/category\/buscar-en-toda-la-corte\/1995\/tutelas-1995\/' title='Tutelas 1995' class='pt-cv-tax-tutelas-1995'>Tutelas 1995<\/a><\/div>\n<h4 class=\"pt-cv-title\"><a href=\"https:\/\/www.dmsjuridica.com\/buscador_20179478954\/corteconstitucionalcronologico202454587\/t-276-95\/\" class=\"_self\" target=\"_self\" >T 276 95<\/a><\/h4>\n<div class=\"pt-cv-content\">T-276-95 Sentencia No. T-276\/95 ACCION DE TUTELA CONTRA PARTICULARES-Improcedencia\/INDEFENSION-Inexistencia\/PREDIO CIEGO El accionante, por su propia voluntad, se coloc\u00f3 en situaci\u00f3n de indefensi\u00f3n respecto de los accionados, pues convirti\u00f3 su predio en ciego, ya que al dividirlo, cerr\u00f3 el acceso que a \u00e9l ten\u00eda por el callej\u00f3n. El demandante no es que no haya podido defender sus derechos conforme a las leyes que reglamentan su ejercicio, sino que de manera personal, en forma contraria a la ley, ha tratado de utilizar predios particulares para acceder a su vivienda, sin la debida autorizaci\u00f3n ni permiso de sus propietarios. El demandante est\u00e1 en ...<br \/><div class=\"pt-cv-rmwrap\"><a href=\"https:\/\/www.dmsjuridica.com\/buscador_20179478954\/corteconstitucionalcronologico202454587\/t-276-95\/\" class=\"_self pt-cv-readmore btn btn-success\" target=\"_self\">Ver Sentencia Completa...<\/a><\/div><\/div><\/div><\/div>\n<div class=\"col-md-12 col-sm-12 col-xs-12 pt-cv-content-item pt-cv-1-col\" ><div class='pt-cv-ifield'><a href=\"https:\/\/www.dmsjuridica.com\/buscador_20179478954\/corteconstitucionalcronologico202454587\/t-275-95\/\" class=\"_self pt-cv-href-thumbnail pt-cv-thumb-default\" target=\"_self\" ><\/a>\n<div class=\"pt-cv-taxoterm above_title\"><a href='https:\/\/www.dmsjuridica.com\/buscador_20179478954\/corteconstitucionalcronologico202454587\/category\/buscar-en-toda-la-corte\/1995\/tutelas-1995\/' title='Tutelas 1995' class='pt-cv-tax-tutelas-1995'>Tutelas 1995<\/a><\/div>\n<h4 class=\"pt-cv-title\"><a href=\"https:\/\/www.dmsjuridica.com\/buscador_20179478954\/corteconstitucionalcronologico202454587\/t-275-95\/\" class=\"_self\" target=\"_self\" >T 275 95<\/a><\/h4>\n<div class=\"pt-cv-content\">T-275-95 Sentencia No. T-275\/95 PERSONA JURIDICA-Derechos de los que no puede ser titular La jurisprudencia de la Corte ha sido constante en el sentido de que existen algunos derechos fundamentales que s\u00f3lo se predican con respecto a las personas naturales, no de las personas jur\u00eddicas. Los derechos a la intimidad personal y a la honra solamente se reconocen al ser humano, pues son atributos propios de \u00e9ste, inherentes a su racionalidad, inalienables, imprescriptibles y connaturales con el reconocimiento de su dignidad; por consiguiente, las personas jur\u00eddicas, entes de gesti\u00f3n colectiva jur\u00eddica y econ\u00f3mica no pueden ser titulares de dichos derechos ...<br \/><div class=\"pt-cv-rmwrap\"><a href=\"https:\/\/www.dmsjuridica.com\/buscador_20179478954\/corteconstitucionalcronologico202454587\/t-275-95\/\" class=\"_self pt-cv-readmore btn btn-success\" target=\"_self\">Ver Sentencia Completa...<\/a><\/div><\/div><\/div><\/div>\n<div class=\"col-md-12 col-sm-12 col-xs-12 pt-cv-content-item pt-cv-1-col\" ><div class='pt-cv-ifield'><a href=\"https:\/\/www.dmsjuridica.com\/buscador_20179478954\/corteconstitucionalcronologico202454587\/t-274-95\/\" class=\"_self pt-cv-href-thumbnail pt-cv-thumb-default\" target=\"_self\" ><\/a>\n<div class=\"pt-cv-taxoterm above_title\"><a href='https:\/\/www.dmsjuridica.com\/buscador_20179478954\/corteconstitucionalcronologico202454587\/category\/buscar-en-toda-la-corte\/1995\/tutelas-1995\/' title='Tutelas 1995' class='pt-cv-tax-tutelas-1995'>Tutelas 1995<\/a><\/div>\n<h4 class=\"pt-cv-title\"><a href=\"https:\/\/www.dmsjuridica.com\/buscador_20179478954\/corteconstitucionalcronologico202454587\/t-274-95\/\" class=\"_self\" target=\"_self\" >T 274 95<\/a><\/h4>\n<div class=\"pt-cv-content\">T-274-95 Sentencia No. T-274\/95 DERECHO DE PETICION-N\u00facleo Esencial El n\u00facleo esencial del derecho de petici\u00f3n lo conforma no s\u00f3lo una pronta respuesta, la cual deber\u00e1 resolver de fondo el asunto planteado, sino que la misma se produzca en los t\u00e9rminos establecidos por la ley, as\u00ed como por el hecho de que sea efectivamente comunicada al peticionario. DERECHO DE PETICION-Pronta Resoluci\u00f3n\/CAJA NACIONAL DE PREVISION SOCIAL-Proyecto de Resoluci\u00f3n La acci\u00f3n de tutela es el mecanismo id\u00f3neo para obtener la protecci\u00f3n del derecho de petici\u00f3n, pues la posibilidad de recurrir el acto ficto de la administraci\u00f3n producto de su silencio, no es sino ...<br \/><div class=\"pt-cv-rmwrap\"><a href=\"https:\/\/www.dmsjuridica.com\/buscador_20179478954\/corteconstitucionalcronologico202454587\/t-274-95\/\" class=\"_self pt-cv-readmore btn btn-success\" target=\"_self\">Ver Sentencia Completa...<\/a><\/div><\/div><\/div><\/div>\n<div class=\"col-md-12 col-sm-12 col-xs-12 pt-cv-content-item pt-cv-1-col\" ><div class='pt-cv-ifield'><a href=\"https:\/\/www.dmsjuridica.com\/buscador_20179478954\/corteconstitucionalcronologico202454587\/t-273-95\/\" class=\"_self pt-cv-href-thumbnail pt-cv-thumb-default\" target=\"_self\" ><\/a>\n<div class=\"pt-cv-taxoterm above_title\"><a href='https:\/\/www.dmsjuridica.com\/buscador_20179478954\/corteconstitucionalcronologico202454587\/category\/buscar-en-toda-la-corte\/1995\/tutelas-1995\/' title='Tutelas 1995' class='pt-cv-tax-tutelas-1995'>Tutelas 1995<\/a><\/div>\n<h4 class=\"pt-cv-title\"><a href=\"https:\/\/www.dmsjuridica.com\/buscador_20179478954\/corteconstitucionalcronologico202454587\/t-273-95\/\" class=\"_self\" target=\"_self\" >T 273 95<\/a><\/h4>\n<div class=\"pt-cv-content\">T-273-95 Sentencia No. T-273\/95 DERECHO DE PETICION-Pronta Resoluci\u00f3n Cuando el derecho de petici\u00f3n es violado, cabe la acci\u00f3n de tutela, no para obtener que la autoridad administrativa profiera una decisi\u00f3n favorable a las pretensiones del accionante, sino para alcanzar en el caso concreto la pronta resoluci\u00f3n y la comunicaci\u00f3n de lo resuelto al peticionario. El derecho fundamental de \u00e9ste queda satisfecho con la resoluci\u00f3n de la administraci\u00f3n, adoptada y comunicada oportunamente, sobre el asunto planteado por el peticionario, bien que se acoja, ya que se deseche el fondo de su solicitud. DERECHO DE PETICION-Vulneraci\u00f3n \/SILENCIO ADMINISTRATIVO NEGATIVO No pod\u00eda el ...<br \/><div class=\"pt-cv-rmwrap\"><a href=\"https:\/\/www.dmsjuridica.com\/buscador_20179478954\/corteconstitucionalcronologico202454587\/t-273-95\/\" class=\"_self pt-cv-readmore btn btn-success\" target=\"_self\">Ver Sentencia Completa...<\/a><\/div><\/div><\/div><\/div>\n<div class=\"col-md-12 col-sm-12 col-xs-12 pt-cv-content-item pt-cv-1-col\" ><div class='pt-cv-ifield'><a href=\"https:\/\/www.dmsjuridica.com\/buscador_20179478954\/corteconstitucionalcronologico202454587\/t-272-95\/\" class=\"_self pt-cv-href-thumbnail pt-cv-thumb-default\" target=\"_self\" ><\/a>\n<div class=\"pt-cv-taxoterm above_title\"><a href='https:\/\/www.dmsjuridica.com\/buscador_20179478954\/corteconstitucionalcronologico202454587\/category\/buscar-en-toda-la-corte\/1995\/tutelas-1995\/' title='Tutelas 1995' class='pt-cv-tax-tutelas-1995'>Tutelas 1995<\/a><\/div>\n<h4 class=\"pt-cv-title\"><a href=\"https:\/\/www.dmsjuridica.com\/buscador_20179478954\/corteconstitucionalcronologico202454587\/t-272-95\/\" class=\"_self\" target=\"_self\" >T 272 95<\/a><\/h4>\n<div class=\"pt-cv-content\">T-272-95 Sentencia No. T-272\/95 CONSTITUCION POLITICA-Vigencia\/ACCION DE TUTELA-Hecho anterior\/DEBIDO PROCESO La acci\u00f3n de tutela fue establecida en la Constituci\u00f3n de 1991, y no se predica para presuntas violaciones ocurridas antes de su vigencia. Por supuesto que si la violaci\u00f3n se inicia antes de la Nueva Carta pero contin\u00faa despu\u00e9s de la expedici\u00f3n de la actual Constituci\u00f3n Pol\u00edtica, entonces es viable invocar la tutela. Un acto de la Curia para corregir una prueba del estado civil (asimilable a acto administrativo) se agota con su expedici\u00f3n o con la preclusi\u00f3n de los recursos que pudieran instaurarse contra \u00e9l. No es factible esperar ...<br \/><div class=\"pt-cv-rmwrap\"><a href=\"https:\/\/www.dmsjuridica.com\/buscador_20179478954\/corteconstitucionalcronologico202454587\/t-272-95\/\" class=\"_self pt-cv-readmore btn btn-success\" target=\"_self\">Ver Sentencia Completa...<\/a><\/div><\/div><\/div><\/div>\n<div class=\"col-md-12 col-sm-12 col-xs-12 pt-cv-content-item pt-cv-1-col\" ><div class='pt-cv-ifield'><a href=\"https:\/\/www.dmsjuridica.com\/buscador_20179478954\/corteconstitucionalcronologico202454587\/t-271-95\/\" class=\"_self pt-cv-href-thumbnail pt-cv-thumb-default\" target=\"_self\" ><\/a>\n<div class=\"pt-cv-taxoterm above_title\"><a href='https:\/\/www.dmsjuridica.com\/buscador_20179478954\/corteconstitucionalcronologico202454587\/category\/buscar-en-toda-la-corte\/1995\/tutelas-1995\/' title='Tutelas 1995' class='pt-cv-tax-tutelas-1995'>Tutelas 1995<\/a><\/div>\n<h4 class=\"pt-cv-title\"><a href=\"https:\/\/www.dmsjuridica.com\/buscador_20179478954\/corteconstitucionalcronologico202454587\/t-271-95\/\" class=\"_self\" target=\"_self\" >T 271 95<\/a><\/h4>\n<div class=\"pt-cv-content\">T-271-95 Sentencia No. T-271\/95 DERECHO A LA SALUD\/DERECHO A LA VIDA-Conexidad La salud reviste la naturaleza de derecho fundamental merced a su relaci\u00f3n inescindible con el derecho a la vida y al m\u00ednimo vital. La vinculaci\u00f3n entre el derecho a la vida y el derecho a la salud se aprecia con absoluta claridad, ya que la presencia de una patolog\u00eda semejante, adem\u00e1s de conducir a la muerte, desmejora la calidad de la vida durante el tiempo al que todav\u00eda pueda aspirarse. Se torna patente, entonces, la necesidad de proceder al tratamiento pertinente encaminado a atacar las manifestaciones de la enfermedad ...<br \/><div class=\"pt-cv-rmwrap\"><a href=\"https:\/\/www.dmsjuridica.com\/buscador_20179478954\/corteconstitucionalcronologico202454587\/t-271-95\/\" class=\"_self pt-cv-readmore btn btn-success\" target=\"_self\">Ver Sentencia Completa...<\/a><\/div><\/div><\/div><\/div>\n<div class=\"col-md-12 col-sm-12 col-xs-12 pt-cv-content-item pt-cv-1-col\" ><div class='pt-cv-ifield'><a href=\"https:\/\/www.dmsjuridica.com\/buscador_20179478954\/corteconstitucionalcronologico202454587\/t-270-95\/\" class=\"_self pt-cv-href-thumbnail pt-cv-thumb-default\" target=\"_self\" ><\/a>\n<div class=\"pt-cv-taxoterm above_title\"><a href='https:\/\/www.dmsjuridica.com\/buscador_20179478954\/corteconstitucionalcronologico202454587\/category\/buscar-en-toda-la-corte\/1995\/tutelas-1995\/' title='Tutelas 1995' class='pt-cv-tax-tutelas-1995'>Tutelas 1995<\/a><\/div>\n<h4 class=\"pt-cv-title\"><a href=\"https:\/\/www.dmsjuridica.com\/buscador_20179478954\/corteconstitucionalcronologico202454587\/t-270-95\/\" class=\"_self\" target=\"_self\" >T 270 95<\/a><\/h4>\n<div class=\"pt-cv-content\">T-270-95 Sentencia No. T-270\/95 ACCION DE TUTELA INTERPUESTA POR JUEZ El art\u00edculo 86 de la Constituci\u00f3n Pol\u00edtica permite a TODAS LAS PERSONAS instaurar la acci\u00f3n de tutela. Si un juez de la Rep\u00fablica considera que se le han violado sus derechos fundamentales perfectamente puede acudir a la tutela. Por eso, no es correcto tomar la palabra \"justicia\" en abstracto, y ponerla como barrera al derecho de amparo al cual tambi\u00e9n tienen derecho los funcionarios judiciales. DERECHO AL TRABAJO CONDICIONES DIGNAS Y JUSTAS\/DERECHO AL TRABAJO-Reubicaci\u00f3n S\u00ed se afectan las condiciones para laborar, pero no al extremo de violar el nucleo esencial ...<br \/><div class=\"pt-cv-rmwrap\"><a href=\"https:\/\/www.dmsjuridica.com\/buscador_20179478954\/corteconstitucionalcronologico202454587\/t-270-95\/\" class=\"_self pt-cv-readmore btn btn-success\" target=\"_self\">Ver Sentencia Completa...<\/a><\/div><\/div><\/div><\/div>\n<div class=\"col-md-12 col-sm-12 col-xs-12 pt-cv-content-item pt-cv-1-col\" ><div class='pt-cv-ifield'><a href=\"https:\/\/www.dmsjuridica.com\/buscador_20179478954\/corteconstitucionalcronologico202454587\/t-269-95\/\" class=\"_self pt-cv-href-thumbnail pt-cv-thumb-default\" target=\"_self\" ><\/a>\n<div class=\"pt-cv-taxoterm above_title\"><a href='https:\/\/www.dmsjuridica.com\/buscador_20179478954\/corteconstitucionalcronologico202454587\/category\/buscar-en-toda-la-corte\/1995\/tutelas-1995\/' title='Tutelas 1995' class='pt-cv-tax-tutelas-1995'>Tutelas 1995<\/a><\/div>\n<h4 class=\"pt-cv-title\"><a href=\"https:\/\/www.dmsjuridica.com\/buscador_20179478954\/corteconstitucionalcronologico202454587\/t-269-95\/\" class=\"_self\" target=\"_self\" >T 269 95<\/a><\/h4>\n<div class=\"pt-cv-content\">T-269-95 Sentencia No. T-269\/95 ACCION DE TUTELA-Acumulaci\u00f3n DEBIDO PROCESO\/HOGARES COMUNITARIOS-V\u00ednculo contractual\/MADRE COMUNITARIA-Desvinculaci\u00f3n En lo que ata\u00f1e al posible atropello del derecho de la ex madre comunitaria al debido proceso, se considera que tal falla no se dio en el presente caso. Porque las demandas, en lo esencial, est\u00e1n enderezadas no tanto a cuestionar las figuras del llamado de atenci\u00f3n y la suspensi\u00f3n con las que la junta directiva, antes de la clausura del hogar comunitario, sancion\u00f3 a la demandante, sino a impugnar, en un plano enteramente distinto, el cierre mismo, con el fin de obtener la reinstalaci\u00f3n de la actora ...<br \/><div class=\"pt-cv-rmwrap\"><a href=\"https:\/\/www.dmsjuridica.com\/buscador_20179478954\/corteconstitucionalcronologico202454587\/t-269-95\/\" class=\"_self pt-cv-readmore btn btn-success\" target=\"_self\">Ver Sentencia Completa...<\/a><\/div><\/div><\/div><\/div>\n<div class=\"col-md-12 col-sm-12 col-xs-12 pt-cv-content-item pt-cv-1-col\" ><div class='pt-cv-ifield'><a href=\"https:\/\/www.dmsjuridica.com\/buscador_20179478954\/corteconstitucionalcronologico202454587\/t-261-95\/\" class=\"_self pt-cv-href-thumbnail pt-cv-thumb-default\" target=\"_self\" ><\/a>\n<div class=\"pt-cv-taxoterm above_title\"><a href='https:\/\/www.dmsjuridica.com\/buscador_20179478954\/corteconstitucionalcronologico202454587\/category\/buscar-en-toda-la-corte\/1995\/tutelas-1995\/' title='Tutelas 1995' class='pt-cv-tax-tutelas-1995'>Tutelas 1995<\/a><\/div>\n<h4 class=\"pt-cv-title\"><a href=\"https:\/\/www.dmsjuridica.com\/buscador_20179478954\/corteconstitucionalcronologico202454587\/t-261-95\/\" class=\"_self\" target=\"_self\" >T 261 95<\/a><\/h4>\n<div class=\"pt-cv-content\">T-261-95 Sentencia T-261\/95 ACCION DE TUTELA CONTRA PARTICULARES\/INDEFENSION Frente a las entidades financieras, si bien no puede hablarse de subordinaci\u00f3n, la persona -cliente, deudor, depositante- se puede encontrar en un estado de indefensi\u00f3n, en una situaci\u00f3n espec\u00edfica, en la cual no le sea posible hacer nada, desde el punto de vista f\u00e1ctico y en el aspecto jur\u00eddico, para impedir que se le vulnere un derecho fundamental o que le sea puesto en franco peligro o en inminente amenaza. En el caso concreto materia de an\u00e1lisis, aparte de que la raz\u00f3n asista o no al peticionari1o, \u00e9ste, en relaci\u00f3n con los ...<br \/><div class=\"pt-cv-rmwrap\"><a href=\"https:\/\/www.dmsjuridica.com\/buscador_20179478954\/corteconstitucionalcronologico202454587\/t-261-95\/\" class=\"_self pt-cv-readmore btn btn-success\" target=\"_self\">Ver Sentencia Completa...<\/a><\/div><\/div><\/div><\/div>\n<div class=\"col-md-12 col-sm-12 col-xs-12 pt-cv-content-item pt-cv-1-col\" ><div class='pt-cv-ifield'><a href=\"https:\/\/www.dmsjuridica.com\/buscador_20179478954\/corteconstitucionalcronologico202454587\/t-260-95\/\" class=\"_self pt-cv-href-thumbnail pt-cv-thumb-default\" target=\"_self\" ><\/a>\n<div class=\"pt-cv-taxoterm above_title\"><a href='https:\/\/www.dmsjuridica.com\/buscador_20179478954\/corteconstitucionalcronologico202454587\/category\/buscar-en-toda-la-corte\/1995\/tutelas-1995\/' title='Tutelas 1995' class='pt-cv-tax-tutelas-1995'>Tutelas 1995<\/a><\/div>\n<h4 class=\"pt-cv-title\"><a href=\"https:\/\/www.dmsjuridica.com\/buscador_20179478954\/corteconstitucionalcronologico202454587\/t-260-95\/\" class=\"_self\" target=\"_self\" >T 260 95<\/a><\/h4>\n<div class=\"pt-cv-content\">T-260-95 Sentencia No. T-260\/95 CORTE CONSTITUCIONAL-Revisi\u00f3n de tutela\/DESISTIMIENTO DE TUTELA-Improcedencia Cuando se adelante la revisi\u00f3n de un caso seleccionado por la Corte, las personas que han solicitado la protecci\u00f3n judicial de sus derechos no pueden desistir de sus pretensiones iniciales, pues en ese nivel no est\u00e1n disponiendo ya de su inter\u00e9s particular, concreto y espec\u00edfico, sino que est\u00e1 comprometido un inter\u00e9s p\u00fablico. La revisi\u00f3n de la Corte no opera por la voluntad de ninguno de los intervinientes en el tr\u00e1mite adelantado ante los jueces de instancia, ni por virtud de recurso alguno, sino por ministerio de la norma constitucional. Por ...<br \/><div class=\"pt-cv-rmwrap\"><a href=\"https:\/\/www.dmsjuridica.com\/buscador_20179478954\/corteconstitucionalcronologico202454587\/t-260-95\/\" class=\"_self pt-cv-readmore btn btn-success\" target=\"_self\">Ver Sentencia Completa...<\/a><\/div><\/div><\/div><\/div>\n<div class=\"col-md-12 col-sm-12 col-xs-12 pt-cv-content-item pt-cv-1-col\" ><div class='pt-cv-ifield'><a href=\"https:\/\/www.dmsjuridica.com\/buscador_20179478954\/corteconstitucionalcronologico202454587\/t-258-95\/\" class=\"_self pt-cv-href-thumbnail pt-cv-thumb-default\" target=\"_self\" ><\/a>\n<div class=\"pt-cv-taxoterm above_title\"><a href='https:\/\/www.dmsjuridica.com\/buscador_20179478954\/corteconstitucionalcronologico202454587\/category\/buscar-en-toda-la-corte\/1995\/tutelas-1995\/' title='Tutelas 1995' class='pt-cv-tax-tutelas-1995'>Tutelas 1995<\/a><\/div>\n<h4 class=\"pt-cv-title\"><a href=\"https:\/\/www.dmsjuridica.com\/buscador_20179478954\/corteconstitucionalcronologico202454587\/t-258-95\/\" class=\"_self\" target=\"_self\" >T 258 95<\/a><\/h4>\n<div class=\"pt-cv-content\">T-258-95 Sentencia No. T-258\/95 PEAJE-Obligatoriedad del pago El denominado \"peaje\" consiste en la tasa o retribuci\u00f3n que el usuario de una v\u00eda p\u00fablica paga por su utilizaci\u00f3n, con el fin de garantizar la existencia y el adecuado mantenimiento, operaci\u00f3n y desarrollo de una infraestructura vial que haga posible y eficiente el transporte terrestre. La obligaci\u00f3n del pago del peaje, la fijaci\u00f3n de su monto y la exoneraci\u00f3n de su pago, bien sea que el Estado asuma directamente la responsabilidad de la construcci\u00f3n y mantenimiento de las obras, o que la haga a trav\u00e9s de la celebraci\u00f3n de contratos de concesi\u00f3n, ...<br \/><div class=\"pt-cv-rmwrap\"><a href=\"https:\/\/www.dmsjuridica.com\/buscador_20179478954\/corteconstitucionalcronologico202454587\/t-258-95\/\" class=\"_self pt-cv-readmore btn btn-success\" target=\"_self\">Ver Sentencia Completa...<\/a><\/div><\/div><\/div><\/div>\n<div class=\"col-md-12 col-sm-12 col-xs-12 pt-cv-content-item pt-cv-1-col\" ><div class='pt-cv-ifield'><a href=\"https:\/\/www.dmsjuridica.com\/buscador_20179478954\/corteconstitucionalcronologico202454587\/t-257-95\/\" class=\"_self pt-cv-href-thumbnail pt-cv-thumb-default\" target=\"_self\" ><\/a>\n<div class=\"pt-cv-taxoterm above_title\"><a href='https:\/\/www.dmsjuridica.com\/buscador_20179478954\/corteconstitucionalcronologico202454587\/category\/buscar-en-toda-la-corte\/1995\/tutelas-1995\/' title='Tutelas 1995' class='pt-cv-tax-tutelas-1995'>Tutelas 1995<\/a><\/div>\n<h4 class=\"pt-cv-title\"><a href=\"https:\/\/www.dmsjuridica.com\/buscador_20179478954\/corteconstitucionalcronologico202454587\/t-257-95\/\" class=\"_self\" target=\"_self\" >T 257 95<\/a><\/h4>\n<div class=\"pt-cv-content\">T-257-95 Sentencia No. T-257\/95 AUTONOMIA UNIVERSITARIA Respecto a la autonom\u00eda universitaria, esta Corte ha dicho que dentro de \u00e9sta debe existir para toda instituci\u00f3n de educaci\u00f3n superior la posibilidad de estipular, con car\u00e1cter obligatorio para quienes hacen parte de la comunidad universitaria (directivos, docentes y estudiantes), un r\u00e9gimen interno, que normalmente adopta el nombre de reglamento, en el cual deben estar previstas las disposiciones que, dentro del respectivo establecimiento, ser\u00e1n aplicables a las distintas situaciones que surjan por causa o con ocasi\u00f3n de su actividad, tanto en el campo administrativo como en el disciplinario. CONTRATO DE TRABAJO-Terminaci\u00f3n por reconocimiento de ...<br \/><div class=\"pt-cv-rmwrap\"><a href=\"https:\/\/www.dmsjuridica.com\/buscador_20179478954\/corteconstitucionalcronologico202454587\/t-257-95\/\" class=\"_self pt-cv-readmore btn btn-success\" target=\"_self\">Ver Sentencia Completa...<\/a><\/div><\/div><\/div><\/div>\n<div class=\"col-md-12 col-sm-12 col-xs-12 pt-cv-content-item pt-cv-1-col\" ><div class='pt-cv-ifield'><a href=\"https:\/\/www.dmsjuridica.com\/buscador_20179478954\/corteconstitucionalcronologico202454587\/t-256-95\/\" class=\"_self pt-cv-href-thumbnail pt-cv-thumb-default\" target=\"_self\" ><\/a>\n<div class=\"pt-cv-taxoterm above_title\"><a href='https:\/\/www.dmsjuridica.com\/buscador_20179478954\/corteconstitucionalcronologico202454587\/category\/buscar-en-toda-la-corte\/1995\/tutelas-1995\/' title='Tutelas 1995' class='pt-cv-tax-tutelas-1995'>Tutelas 1995<\/a><\/div>\n<h4 class=\"pt-cv-title\"><a href=\"https:\/\/www.dmsjuridica.com\/buscador_20179478954\/corteconstitucionalcronologico202454587\/t-256-95\/\" class=\"_self\" target=\"_self\" >T 256 95<\/a><\/h4>\n<div class=\"pt-cv-content\">T-256-95 Sentencia No. T-256\/95 CONCURSO DE MERITOS-Reglas de control\/CONCURSO DE MERITOS-Nombramiento de quien obtuvo el primer puesto Al se\u00f1alarse por la administraci\u00f3n las bases del concurso, estas se convierten en reglas particulares obligatorias tanto para los participantes como para aqu\u00e9lla; es decir, que a trav\u00e9s de dichas reglas la administraci\u00f3n se autovincula y autocontrola, en el sentido de que debe respetarlas y que su actividad, en cuanto a la selecci\u00f3n de los aspirantes que califiquen para acceder al empleo o empleos correspondientes, se encuentra previamente regulada, de modo que no puede actuar en forma discrecional al realizar dicha selecci\u00f3n. El ...<br \/><div class=\"pt-cv-rmwrap\"><a href=\"https:\/\/www.dmsjuridica.com\/buscador_20179478954\/corteconstitucionalcronologico202454587\/t-256-95\/\" class=\"_self pt-cv-readmore btn btn-success\" target=\"_self\">Ver Sentencia Completa...<\/a><\/div><\/div><\/div><\/div>\n<div class=\"col-md-12 col-sm-12 col-xs-12 pt-cv-content-item pt-cv-1-col\" ><div class='pt-cv-ifield'><a href=\"https:\/\/www.dmsjuridica.com\/buscador_20179478954\/corteconstitucionalcronologico202454587\/t-251-95\/\" class=\"_self pt-cv-href-thumbnail pt-cv-thumb-default\" target=\"_self\" ><\/a>\n<div class=\"pt-cv-taxoterm above_title\"><a href='https:\/\/www.dmsjuridica.com\/buscador_20179478954\/corteconstitucionalcronologico202454587\/category\/buscar-en-toda-la-corte\/1995\/tutelas-1995\/' title='Tutelas 1995' class='pt-cv-tax-tutelas-1995'>Tutelas 1995<\/a><\/div>\n<h4 class=\"pt-cv-title\"><a href=\"https:\/\/www.dmsjuridica.com\/buscador_20179478954\/corteconstitucionalcronologico202454587\/t-251-95\/\" class=\"_self\" target=\"_self\" >T 251 95<\/a><\/h4>\n<div class=\"pt-cv-content\">T-251-95 Sentencia No. T-251\/95 DERECHO A LA VIVIENDA DIGNA El derecho a la vivienda digna consagrado en el art\u00edculo 51 de la Constituci\u00f3n Pol\u00edtica, al igual que otros derechos de contenido social, econ\u00f3mico o cultural, no otorga a la persona un derecho subjetivo para exigir del Estado en una forma directa e inmediata su plena satisfacci\u00f3n. DERECHO A LA VIVIENDA DIGNA\/DERECHO ASISTENCIAL\/ACCION DE TUTELA-Improcedencia Los derechos constitucionales de desarrollo progresivo, como es el caso del derecho a la vivienda, s\u00f3lo producen efectos una vez se cumplan ciertas condiciones jur\u00eddico-materiales que los hacen posibles, por lo que en principio dichos derechos ...<br \/><div class=\"pt-cv-rmwrap\"><a href=\"https:\/\/www.dmsjuridica.com\/buscador_20179478954\/corteconstitucionalcronologico202454587\/t-251-95\/\" class=\"_self pt-cv-readmore btn btn-success\" target=\"_self\">Ver Sentencia Completa...<\/a><\/div><\/div><\/div><\/div>\n<div class=\"col-md-12 col-sm-12 col-xs-12 pt-cv-content-item pt-cv-1-col\" ><div class='pt-cv-ifield'><a href=\"https:\/\/www.dmsjuridica.com\/buscador_20179478954\/corteconstitucionalcronologico202454587\/t-250-95\/\" class=\"_self pt-cv-href-thumbnail pt-cv-thumb-default\" target=\"_self\" ><\/a>\n<div class=\"pt-cv-taxoterm above_title\"><a href='https:\/\/www.dmsjuridica.com\/buscador_20179478954\/corteconstitucionalcronologico202454587\/category\/buscar-en-toda-la-corte\/1995\/tutelas-1995\/' title='Tutelas 1995' class='pt-cv-tax-tutelas-1995'>Tutelas 1995<\/a><\/div>\n<h4 class=\"pt-cv-title\"><a href=\"https:\/\/www.dmsjuridica.com\/buscador_20179478954\/corteconstitucionalcronologico202454587\/t-250-95\/\" class=\"_self\" target=\"_self\" >T 250 95<\/a><\/h4>\n<div class=\"pt-cv-content\">T-250-95 Sentencia No. T-250\/95 ACCION DE TUTELA CONTRA PADRES DE FAMILIA\/ABANDONO DEL MENOR\/DERECHO A LA INTEGRIDAD PERSONAL\/JURISDICCION DE FAMILIA\/PROCESO DE CUSTODIA, CUIDADO PERSONAL Y PROTECCION Del aspecto esencial e impostergable de esta tutela, a saber, la defensa de la integridad f\u00edsica y moral de la menor abandonada a su suerte, s\u00ed pod\u00eda conocer el Juzgado Promiscuo Municipal. Existe otro medio de defensa judicial, id\u00f3neo y expedito como ocurre en la jurisdicci\u00f3n de familia, la acci\u00f3n de tutela propuesta, con arreglo al principio de subsidiariedad, no est\u00e1 llamada a prosperar. Referencia : proceso T-59269 Actor : Diana Moreno Rodr\u00edguez Procedencia : ...<br \/><div class=\"pt-cv-rmwrap\"><a href=\"https:\/\/www.dmsjuridica.com\/buscador_20179478954\/corteconstitucionalcronologico202454587\/t-250-95\/\" class=\"_self pt-cv-readmore btn btn-success\" target=\"_self\">Ver Sentencia Completa...<\/a><\/div><\/div><\/div><\/div>\n<div class=\"col-md-12 col-sm-12 col-xs-12 pt-cv-content-item pt-cv-1-col\" ><div class='pt-cv-ifield'><a href=\"https:\/\/www.dmsjuridica.com\/buscador_20179478954\/corteconstitucionalcronologico202454587\/t-249-95\/\" class=\"_self pt-cv-href-thumbnail pt-cv-thumb-default\" target=\"_self\" ><\/a>\n<div class=\"pt-cv-taxoterm above_title\"><a href='https:\/\/www.dmsjuridica.com\/buscador_20179478954\/corteconstitucionalcronologico202454587\/category\/buscar-en-toda-la-corte\/1995\/tutelas-1995\/' title='Tutelas 1995' class='pt-cv-tax-tutelas-1995'>Tutelas 1995<\/a><\/div>\n<h4 class=\"pt-cv-title\"><a href=\"https:\/\/www.dmsjuridica.com\/buscador_20179478954\/corteconstitucionalcronologico202454587\/t-249-95\/\" class=\"_self\" target=\"_self\" >T 249 95<\/a><\/h4>\n<div class=\"pt-cv-content\">T-249-95 Sentencia No. T-249\/95 RESPONSABILIDAD DISCIPLINARIA-Jueces\/PRINCIPIO DE AUTONOMIA JUDICIAL La responsabilidad disciplinaria de jueces y magistrados no puede abarcar el campo funcional, esto es el que ata\u00f1e a la autonom\u00eda en la interpretaci\u00f3n y aplicaci\u00f3n del derecho, seg\u00fan sus competencias. Por consiguiente, el hecho de proferir una providencia en cumplimiento de la funci\u00f3n de administrar justicia no da lugar, ni puede darlo, a proceso disciplinario con car\u00e1cter sancionatorio, pues en tal caso, se desvirtuar\u00eda el sentido y la funci\u00f3n propia de la administraci\u00f3n de justicia, e implicar\u00eda igualmente, la creaci\u00f3n de una instancia judicial adicional a las consagradas constitucional y ...<br \/><div class=\"pt-cv-rmwrap\"><a href=\"https:\/\/www.dmsjuridica.com\/buscador_20179478954\/corteconstitucionalcronologico202454587\/t-249-95\/\" class=\"_self pt-cv-readmore btn btn-success\" target=\"_self\">Ver Sentencia Completa...<\/a><\/div><\/div><\/div><\/div>\n<div class=\"col-md-12 col-sm-12 col-xs-12 pt-cv-content-item pt-cv-1-col\" ><div class='pt-cv-ifield'><a href=\"https:\/\/www.dmsjuridica.com\/buscador_20179478954\/corteconstitucionalcronologico202454587\/t-244-95\/\" class=\"_self pt-cv-href-thumbnail pt-cv-thumb-default\" target=\"_self\" ><\/a>\n<div class=\"pt-cv-taxoterm above_title\"><a href='https:\/\/www.dmsjuridica.com\/buscador_20179478954\/corteconstitucionalcronologico202454587\/category\/buscar-en-toda-la-corte\/1995\/tutelas-1995\/' title='Tutelas 1995' class='pt-cv-tax-tutelas-1995'>Tutelas 1995<\/a><\/div>\n<h4 class=\"pt-cv-title\"><a href=\"https:\/\/www.dmsjuridica.com\/buscador_20179478954\/corteconstitucionalcronologico202454587\/t-244-95\/\" class=\"_self\" target=\"_self\" >T 244 95<\/a><\/h4>\n<div class=\"pt-cv-content\">T-244-95 Sentencia No. T-244\/95 MESADA PENSIONAL-Pago Oportuno\/PARTIDA PRESUPUESTAL-Ejecuci\u00f3n\/DERECHOS DE PERSONA DE LA TERCERA EDAD-Ejecuci\u00f3n\/DERECHO A LA SUBSISTENCIA El Estado adquiere el compromiso de garantizar el pago oportuno de las pensiones, para lo cual debe proveer en los respectivos presupuestos del orden nacional, departamental, distrital y municipal las partidas necesarias para atender de manera cumplida y satisfactoria su obligaci\u00f3n constitucional, especialmente cuando quienes se ven afectadas por el incumplimiento o la desidia de las autoridades estatales, son personas de la tercera edad, a quienes en cumplimiento de los dispuesto en el art\u00edculo constitucional, el Estado debe concurrir con la sociedad y ...<br \/><div class=\"pt-cv-rmwrap\"><a href=\"https:\/\/www.dmsjuridica.com\/buscador_20179478954\/corteconstitucionalcronologico202454587\/t-244-95\/\" class=\"_self pt-cv-readmore btn btn-success\" target=\"_self\">Ver Sentencia Completa...<\/a><\/div><\/div><\/div><\/div>\n<div class=\"col-md-12 col-sm-12 col-xs-12 pt-cv-content-item pt-cv-1-col\" ><div class='pt-cv-ifield'><a href=\"https:\/\/www.dmsjuridica.com\/buscador_20179478954\/corteconstitucionalcronologico202454587\/t-243-95\/\" class=\"_self pt-cv-href-thumbnail pt-cv-thumb-default\" target=\"_self\" ><\/a>\n<div class=\"pt-cv-taxoterm above_title\"><a href='https:\/\/www.dmsjuridica.com\/buscador_20179478954\/corteconstitucionalcronologico202454587\/category\/buscar-en-toda-la-corte\/1995\/tutelas-1995\/' title='Tutelas 1995' class='pt-cv-tax-tutelas-1995'>Tutelas 1995<\/a><\/div>\n<h4 class=\"pt-cv-title\"><a href=\"https:\/\/www.dmsjuridica.com\/buscador_20179478954\/corteconstitucionalcronologico202454587\/t-243-95\/\" class=\"_self\" target=\"_self\" >T 243 95<\/a><\/h4>\n<div class=\"pt-cv-content\">T-243-95 9 Sentencia No. T-243\/95 PENSIONADO DE UNIVERSIDAD DISTRITAL-Reajuste pensional\/DERECHO A LA IGUALDAD-Discriminaci\u00f3n por reajuste pensional Resulta evidente que al consagrarse el beneficio en favor de los pensionados para quienes se les hab\u00eda reconocido dicho estatus jur\u00eddico antes de 1988 y estuvieron vinculados a la Universidad Distrital durante 10 a\u00f1os, consistente en el reajuste de las mesadas pensionales, nivel\u00e1ndose a la categor\u00eda de sueldos de los funcionarios activos a 31 de agosto de 1994, excluyendo a los pensionados que no cumplan los requisitos m\u00ednimos fijados mediante el acto administrativo expedido por el Consejo Superior, se concluye, al tenor de la ...<br \/><div class=\"pt-cv-rmwrap\"><a href=\"https:\/\/www.dmsjuridica.com\/buscador_20179478954\/corteconstitucionalcronologico202454587\/t-243-95\/\" class=\"_self pt-cv-readmore btn btn-success\" target=\"_self\">Ver Sentencia Completa...<\/a><\/div><\/div><\/div><\/div>\n<div class=\"col-md-12 col-sm-12 col-xs-12 pt-cv-content-item pt-cv-1-col\" ><div class='pt-cv-ifield'><a href=\"https:\/\/www.dmsjuridica.com\/buscador_20179478954\/corteconstitucionalcronologico202454587\/t-242-95\/\" class=\"_self pt-cv-href-thumbnail pt-cv-thumb-default\" target=\"_self\" ><\/a>\n<div class=\"pt-cv-taxoterm above_title\"><a href='https:\/\/www.dmsjuridica.com\/buscador_20179478954\/corteconstitucionalcronologico202454587\/category\/buscar-en-toda-la-corte\/1995\/tutelas-1995\/' title='Tutelas 1995' class='pt-cv-tax-tutelas-1995'>Tutelas 1995<\/a><\/div>\n<h4 class=\"pt-cv-title\"><a href=\"https:\/\/www.dmsjuridica.com\/buscador_20179478954\/corteconstitucionalcronologico202454587\/t-242-95\/\" class=\"_self\" target=\"_self\" >T 242 95<\/a><\/h4>\n<div class=\"pt-cv-content\">T-242-95 Sentencia No. T-242\/95 INSUBSISTENCIA\/ACCION DE TUTELA-Improcedencia No hay duda de que a trav\u00e9s de la acci\u00f3n de tutela el juez constitucional no puede declarar la nulidad de un acto administrativo que goza de la presunci\u00f3n de legalidad, mientras no sea anulado o suspendido por la jurisdicci\u00f3n competente -contencioso administrativa- y menos condenar al pago de los salarios y dem\u00e1s prestaciones a t\u00edtulo de resarcimiento del derecho, por cuanto dichas pretensiones no son del resorte del juez constitucional de tutela cuya \"acci\u00f3n solo proceder\u00e1 cuando el afectado no disponga de otro medio de defensa judicial\", del cual puede hacer uso ...<br \/><div class=\"pt-cv-rmwrap\"><a href=\"https:\/\/www.dmsjuridica.com\/buscador_20179478954\/corteconstitucionalcronologico202454587\/t-242-95\/\" class=\"_self pt-cv-readmore btn btn-success\" target=\"_self\">Ver Sentencia Completa...<\/a><\/div><\/div><\/div><\/div>\n<div class=\"col-md-12 col-sm-12 col-xs-12 pt-cv-content-item pt-cv-1-col\" ><div class='pt-cv-ifield'><a href=\"https:\/\/www.dmsjuridica.com\/buscador_20179478954\/corteconstitucionalcronologico202454587\/t-241-95\/\" class=\"_self pt-cv-href-thumbnail pt-cv-thumb-default\" target=\"_self\" ><\/a>\n<div class=\"pt-cv-taxoterm above_title\"><a href='https:\/\/www.dmsjuridica.com\/buscador_20179478954\/corteconstitucionalcronologico202454587\/category\/buscar-en-toda-la-corte\/1995\/tutelas-1995\/' title='Tutelas 1995' class='pt-cv-tax-tutelas-1995'>Tutelas 1995<\/a><\/div>\n<h4 class=\"pt-cv-title\"><a href=\"https:\/\/www.dmsjuridica.com\/buscador_20179478954\/corteconstitucionalcronologico202454587\/t-241-95\/\" class=\"_self\" target=\"_self\" >T 241 95<\/a><\/h4>\n<div class=\"pt-cv-content\">T-241-95 Sentencia No. T-241\/95 SENTENCIA-Cumplimiento\/REINTEGRO AL CARGO-Puesto diferente\/JURISDICCION CONTENCIOSO ADMINISTRATIVA Lo que se plantea en el caso sub ex\u00e1mine es una controversia entre el accionante y la accionada, que debe ser resuelta por la jurisdicci\u00f3n contencioso administrativa y no por el juez de tutela, ya que dicha disputa versa sobre un acto administrativo que goza de presunci\u00f3n de legalidad, la cual dispuso el reintegro del peticionario a un cargo en la DIAN, en virtud del fallo judicial que as\u00ed lo orden\u00f3, y por tanto, cabe la acci\u00f3n de nulidad y restablecimiento del derecho, a fin de que el juez administrativo ...<br \/><div class=\"pt-cv-rmwrap\"><a href=\"https:\/\/www.dmsjuridica.com\/buscador_20179478954\/corteconstitucionalcronologico202454587\/t-241-95\/\" class=\"_self pt-cv-readmore btn btn-success\" target=\"_self\">Ver Sentencia Completa...<\/a><\/div><\/div><\/div><\/div>\n<div class=\"col-md-12 col-sm-12 col-xs-12 pt-cv-content-item pt-cv-1-col\" ><div class='pt-cv-ifield'><a href=\"https:\/\/www.dmsjuridica.com\/buscador_20179478954\/corteconstitucionalcronologico202454587\/t-240-95\/\" class=\"_self pt-cv-href-thumbnail pt-cv-thumb-default\" target=\"_self\" ><\/a>\n<div class=\"pt-cv-taxoterm above_title\"><a href='https:\/\/www.dmsjuridica.com\/buscador_20179478954\/corteconstitucionalcronologico202454587\/category\/buscar-en-toda-la-corte\/1995\/tutelas-1995\/' title='Tutelas 1995' class='pt-cv-tax-tutelas-1995'>Tutelas 1995<\/a><\/div>\n<h4 class=\"pt-cv-title\"><a href=\"https:\/\/www.dmsjuridica.com\/buscador_20179478954\/corteconstitucionalcronologico202454587\/t-240-95\/\" class=\"_self\" target=\"_self\" >T 240 95<\/a><\/h4>\n<div class=\"pt-cv-content\">T-240-95 Sentencia No. T-240\/95 VIA DE HECHO A\u00fan en el evento de presentarse una v\u00eda de hecho, esa sola circunstancia no justifica la procedencia de una acci\u00f3n de tutela; para que este instrumento protector resulte jur\u00eddicamente viable es necesario que se cumplan los presupuestos contemplados en el art\u00edculo 86 superior y que no exista otro medio al que pueda acudir el afectado para propender por la defensa de su derecho. REF: Expediente No. 62.045 Peticionarios: Reginaldo Cunha Mac.Kinley, Mauricio Alejandro Cunha Mac.Kinley, Carmen Alicia Mac.Kinley de Cunha y otros. Procedencia: Juzgado Trece Penal Municipal de Barranquilla. MAGISTRADO PONENTE: Dr. HERNANDO ...<br \/><div class=\"pt-cv-rmwrap\"><a href=\"https:\/\/www.dmsjuridica.com\/buscador_20179478954\/corteconstitucionalcronologico202454587\/t-240-95\/\" class=\"_self pt-cv-readmore btn btn-success\" target=\"_self\">Ver Sentencia Completa...<\/a><\/div><\/div><\/div><\/div>\n<div class=\"col-md-12 col-sm-12 col-xs-12 pt-cv-content-item pt-cv-1-col\" ><div class='pt-cv-ifield'><a href=\"https:\/\/www.dmsjuridica.com\/buscador_20179478954\/corteconstitucionalcronologico202454587\/t-239-95\/\" class=\"_self pt-cv-href-thumbnail pt-cv-thumb-default\" target=\"_self\" ><\/a>\n<div class=\"pt-cv-taxoterm above_title\"><a href='https:\/\/www.dmsjuridica.com\/buscador_20179478954\/corteconstitucionalcronologico202454587\/category\/buscar-en-toda-la-corte\/1995\/tutelas-1995\/' title='Tutelas 1995' class='pt-cv-tax-tutelas-1995'>Tutelas 1995<\/a><\/div>\n<h4 class=\"pt-cv-title\"><a href=\"https:\/\/www.dmsjuridica.com\/buscador_20179478954\/corteconstitucionalcronologico202454587\/t-239-95\/\" class=\"_self\" target=\"_self\" >T 239 95<\/a><\/h4>\n<div class=\"pt-cv-content\">T-239-95 Sentencia No. T-239\/95 PERSONAL DOCENTE-Discriminaci\u00f3n por origen Lo que no se puede imponer dentro de una determinada resoluci\u00f3n o en un reglamento administrativo que convoque a un concurso p\u00fablico para adjudicar plazas de docentes, es que el criterio fundamental o esencial para el nombramiento o designaci\u00f3n sea el haber nacido en un departamento o municipio en particular, pues ello acarrea, un trato discriminatorio, que vulnera el derecho a la igualdad, y consecuentemente el trabajo. PERSONAL DOCENTE-Convocatoria por grados No encuentra viable la Sala la petici\u00f3n formulada por el actor en el sentido de que se revoque el acto administrativo ...<br \/><div class=\"pt-cv-rmwrap\"><a href=\"https:\/\/www.dmsjuridica.com\/buscador_20179478954\/corteconstitucionalcronologico202454587\/t-239-95\/\" class=\"_self pt-cv-readmore btn btn-success\" target=\"_self\">Ver Sentencia Completa...<\/a><\/div><\/div><\/div><\/div>\n<div class=\"col-md-12 col-sm-12 col-xs-12 pt-cv-content-item pt-cv-1-col\" ><div class='pt-cv-ifield'><a href=\"https:\/\/www.dmsjuridica.com\/buscador_20179478954\/corteconstitucionalcronologico202454587\/t-238-95\/\" class=\"_self pt-cv-href-thumbnail pt-cv-thumb-default\" target=\"_self\" ><\/a>\n<div class=\"pt-cv-taxoterm above_title\"><a href='https:\/\/www.dmsjuridica.com\/buscador_20179478954\/corteconstitucionalcronologico202454587\/category\/buscar-en-toda-la-corte\/1995\/tutelas-1995\/' title='Tutelas 1995' class='pt-cv-tax-tutelas-1995'>Tutelas 1995<\/a><\/div>\n<h4 class=\"pt-cv-title\"><a href=\"https:\/\/www.dmsjuridica.com\/buscador_20179478954\/corteconstitucionalcronologico202454587\/t-238-95\/\" class=\"_self\" target=\"_self\" >T 238 95<\/a><\/h4>\n<div class=\"pt-cv-content\">T-238-95 Sentencia No. T-238\/95 PENSION DE INVALIDEZ-Falta de requisitos Procedi\u00f3 ajustada a la ley la Comisi\u00f3n de Prestaciones del ISS Cundinamarca al negar, la pensi\u00f3n de invalidez solicitada por el actor y, por consiguiente, no se han violado ni existe amenaza de violaci\u00f3n de los derechos fundamentales del actor que eventualmente pudieran resultar afectados (vida, salud, etc.), con el desconocimiento de dicha pensi\u00f3n, seg\u00fan lo ha entendido la jurisprudencia de esta Corporaci\u00f3n. REFERENCIA: Expediente T- 57939. PETICIONARIO: Jorge Enrique Forero Silva. Juzgado Veinticinco Penal del Circuito Santaf\u00e9 de Bogot\u00e1 D.C. TEMA: Las demandas de prestaciones al sistema de seguridad social ...<br \/><div class=\"pt-cv-rmwrap\"><a href=\"https:\/\/www.dmsjuridica.com\/buscador_20179478954\/corteconstitucionalcronologico202454587\/t-238-95\/\" class=\"_self pt-cv-readmore btn btn-success\" target=\"_self\">Ver Sentencia Completa...<\/a><\/div><\/div><\/div><\/div>\n<div class=\"col-md-12 col-sm-12 col-xs-12 pt-cv-content-item pt-cv-1-col\" ><div class='pt-cv-ifield'><a href=\"https:\/\/www.dmsjuridica.com\/buscador_20179478954\/corteconstitucionalcronologico202454587\/t-237-95\/\" class=\"_self pt-cv-href-thumbnail pt-cv-thumb-default\" target=\"_self\" ><\/a>\n<div class=\"pt-cv-taxoterm above_title\"><a href='https:\/\/www.dmsjuridica.com\/buscador_20179478954\/corteconstitucionalcronologico202454587\/category\/buscar-en-toda-la-corte\/1995\/tutelas-1995\/' title='Tutelas 1995' class='pt-cv-tax-tutelas-1995'>Tutelas 1995<\/a><\/div>\n<h4 class=\"pt-cv-title\"><a href=\"https:\/\/www.dmsjuridica.com\/buscador_20179478954\/corteconstitucionalcronologico202454587\/t-237-95\/\" class=\"_self\" target=\"_self\" >T 237 95<\/a><\/h4>\n<div class=\"pt-cv-content\">T-237-95 Sentencia No. T-237\/95 AUTONOMIA UNIVERSITARIA-L\u00edmites Dentro de un sentido general, la autonom\u00eda universitaria se admite de acuerdo a determinados par\u00e1metros que la Constituci\u00f3n establece, constituy\u00e9ndose, entonces, en una verdadera relaci\u00f3n derecho-deber, lo cual implica una ambivalente reciprocidad por cuanto su reconocimiento y su limitaci\u00f3n est\u00e1n en la misma Constituci\u00f3n. Ser\u00eda incompresible que con la disculpa de la autonom\u00eda se vulnere la normatividad constitucional, toda vez que \u00e9sta es portadora de unos principios que bajo ning\u00fan aspecto pueden ser desplazados. Hay que precisar que la autonom\u00eda universitaria en cierta forma es expresi\u00f3n del pluralismo jur\u00eddico, pero su naturaleza es limitada ...<br \/><div class=\"pt-cv-rmwrap\"><a href=\"https:\/\/www.dmsjuridica.com\/buscador_20179478954\/corteconstitucionalcronologico202454587\/t-237-95\/\" class=\"_self pt-cv-readmore btn btn-success\" target=\"_self\">Ver Sentencia Completa...<\/a><\/div><\/div><\/div><\/div>\n<div class=\"col-md-12 col-sm-12 col-xs-12 pt-cv-content-item pt-cv-1-col\" ><div class='pt-cv-ifield'><a href=\"https:\/\/www.dmsjuridica.com\/buscador_20179478954\/corteconstitucionalcronologico202454587\/t-236-95\/\" class=\"_self pt-cv-href-thumbnail pt-cv-thumb-default\" target=\"_self\" ><\/a>\n<div class=\"pt-cv-taxoterm above_title\"><a href='https:\/\/www.dmsjuridica.com\/buscador_20179478954\/corteconstitucionalcronologico202454587\/category\/buscar-en-toda-la-corte\/1995\/tutelas-1995\/' title='Tutelas 1995' class='pt-cv-tax-tutelas-1995'>Tutelas 1995<\/a><\/div>\n<h4 class=\"pt-cv-title\"><a href=\"https:\/\/www.dmsjuridica.com\/buscador_20179478954\/corteconstitucionalcronologico202454587\/t-236-95\/\" class=\"_self\" target=\"_self\" >T 236 95<\/a><\/h4>\n<div class=\"pt-cv-content\">T-236-95 Sentencia No. T-236\/95 LEGITIMACION POR ACTIVA EN TUTELA La profesora demandante en el presente expediente, estaba legitimada para interponer la acci\u00f3n de tutela en consideraci\u00f3n a la posible vulneraci\u00f3n de su derecho fundamental al trabajo. No estaba legitimada para invocar el derecho a la educaci\u00f3n, m\u00e1xime que no ten\u00eda la representaci\u00f3n de los alumnos, ni existe prueba de que ellos no estuvieran en condiciones de promover su propia defensa. DERECHOS FUNDAMENTALES-N\u00facleo esencial\/ESTABLECIMIENTO EDUCATIVO-Acceso a dependencias El n\u00facleo esencial de un derecho fundamental, se encuentra en su contenido. En el caso concreto, la situaci\u00f3n que se presenta en el establecimiento ...<br \/><div class=\"pt-cv-rmwrap\"><a href=\"https:\/\/www.dmsjuridica.com\/buscador_20179478954\/corteconstitucionalcronologico202454587\/t-236-95\/\" class=\"_self pt-cv-readmore btn btn-success\" target=\"_self\">Ver Sentencia Completa...<\/a><\/div><\/div><\/div><\/div>\n<div class=\"col-md-12 col-sm-12 col-xs-12 pt-cv-content-item pt-cv-1-col\" ><div class='pt-cv-ifield'><a href=\"https:\/\/www.dmsjuridica.com\/buscador_20179478954\/corteconstitucionalcronologico202454587\/t-235-95\/\" class=\"_self pt-cv-href-thumbnail pt-cv-thumb-default\" target=\"_self\" ><\/a>\n<div class=\"pt-cv-taxoterm above_title\"><a href='https:\/\/www.dmsjuridica.com\/buscador_20179478954\/corteconstitucionalcronologico202454587\/category\/buscar-en-toda-la-corte\/1995\/tutelas-1995\/' title='Tutelas 1995' class='pt-cv-tax-tutelas-1995'>Tutelas 1995<\/a><\/div>\n<h4 class=\"pt-cv-title\"><a href=\"https:\/\/www.dmsjuridica.com\/buscador_20179478954\/corteconstitucionalcronologico202454587\/t-235-95\/\" class=\"_self\" target=\"_self\" >T 235 95<\/a><\/h4>\n<div class=\"pt-cv-content\">T-235-95 Sentencia No. T-235\/95 DERECHOS COLECTIVOS\/ACCION DE TUTELA\/DERECHO A LA EDUCACION-Vulneraci\u00f3n por falta de docente Frente a la amenaza o vulneraci\u00f3n de uno o varios derechos fundamentales en el que se vea involucrado un grupo de personas determinadas o determinables, es posible, -e incluso recomendable por razones de econom\u00eda procesal- que proceda la acci\u00f3n de tutela, ya que se trata realmente de una acumulaci\u00f3n de acciones dirigidas a proteger a dichos individuos. En este orden de ideas, no es posible afirmar que los medios jur\u00eddicos existentes para el amparo del inter\u00e9s colectivo (acciones populares o las acciones de clase), resulten ...<br \/><div class=\"pt-cv-rmwrap\"><a href=\"https:\/\/www.dmsjuridica.com\/buscador_20179478954\/corteconstitucionalcronologico202454587\/t-235-95\/\" class=\"_self pt-cv-readmore btn btn-success\" target=\"_self\">Ver Sentencia Completa...<\/a><\/div><\/div><\/div><\/div>\n<div class=\"col-md-12 col-sm-12 col-xs-12 pt-cv-content-item pt-cv-1-col\" ><div class='pt-cv-ifield'><a href=\"https:\/\/www.dmsjuridica.com\/buscador_20179478954\/corteconstitucionalcronologico202454587\/t-234-95\/\" class=\"_self pt-cv-href-thumbnail pt-cv-thumb-default\" target=\"_self\" ><\/a>\n<div class=\"pt-cv-taxoterm above_title\"><a href='https:\/\/www.dmsjuridica.com\/buscador_20179478954\/corteconstitucionalcronologico202454587\/category\/buscar-en-toda-la-corte\/1995\/tutelas-1995\/' title='Tutelas 1995' class='pt-cv-tax-tutelas-1995'>Tutelas 1995<\/a><\/div>\n<h4 class=\"pt-cv-title\"><a href=\"https:\/\/www.dmsjuridica.com\/buscador_20179478954\/corteconstitucionalcronologico202454587\/t-234-95\/\" class=\"_self\" target=\"_self\" >T 234 95<\/a><\/h4>\n<div class=\"pt-cv-content\">T-234-95 Sentencia No. T-234\/95 FALLO DE TUTELA-Notificaci\u00f3n por telegrama No le asiste la raz\u00f3n a la apoderada de la entidad accionada cuando alega indebida notificaci\u00f3n de la sentencia, pues, como ella misma lo se\u00f1ala, el art\u00edculo 16 del Decreto 2591 le permite al Juez de tutela acudir al mecanismo de notificaci\u00f3n que considere m\u00e1s expedito; as\u00ed mismo, el citado art\u00edculo 30 del mismo Decreto dispone que la notificaci\u00f3n del fallo de tutela se har\u00e1 \"por telegrama o por otro medio expedito que asegure su cumplimiento, a m\u00e1s tardar al d\u00eda siguiente de haber sido proferido.\" En el caso sub ex\u00e1mine, ...<br \/><div class=\"pt-cv-rmwrap\"><a href=\"https:\/\/www.dmsjuridica.com\/buscador_20179478954\/corteconstitucionalcronologico202454587\/t-234-95\/\" class=\"_self pt-cv-readmore btn btn-success\" target=\"_self\">Ver Sentencia Completa...<\/a><\/div><\/div><\/div><\/div>\n<div class=\"col-md-12 col-sm-12 col-xs-12 pt-cv-content-item pt-cv-1-col\" ><div class='pt-cv-ifield'><a href=\"https:\/\/www.dmsjuridica.com\/buscador_20179478954\/corteconstitucionalcronologico202454587\/t-233-95\/\" class=\"_self pt-cv-href-thumbnail pt-cv-thumb-default\" target=\"_self\" ><\/a>\n<div class=\"pt-cv-taxoterm above_title\"><a href='https:\/\/www.dmsjuridica.com\/buscador_20179478954\/corteconstitucionalcronologico202454587\/category\/buscar-en-toda-la-corte\/1995\/tutelas-1995\/' title='Tutelas 1995' class='pt-cv-tax-tutelas-1995'>Tutelas 1995<\/a><\/div>\n<h4 class=\"pt-cv-title\"><a href=\"https:\/\/www.dmsjuridica.com\/buscador_20179478954\/corteconstitucionalcronologico202454587\/t-233-95\/\" class=\"_self\" target=\"_self\" >T 233 95<\/a><\/h4>\n<div class=\"pt-cv-content\">T-233-95 Sentencia No. T-233\/95 REGIMEN DISCIPLINARIO DE PERSONAL MILITAR En el interior de la Polic\u00eda debe imperar un r\u00e9gimen disciplinario estricto, que se aplique con firmeza, imponiendo a los infractores las sanciones que merecen, como garant\u00eda inapreciable para el logro de sus fines, para la sociedad y para el Estado. En cuanto a los proceso disciplinarios que se cumplen en el seno de las instituciones armadas, su tr\u00e1mite y definici\u00f3n son de car\u00e1cter administrativo, por lo cual es evidente que todo cuanto concierna a los medios de impugnaci\u00f3n contra las decisiones que se adopten se rige, en principio, por las ...<br \/><div class=\"pt-cv-rmwrap\"><a href=\"https:\/\/www.dmsjuridica.com\/buscador_20179478954\/corteconstitucionalcronologico202454587\/t-233-95\/\" class=\"_self pt-cv-readmore btn btn-success\" target=\"_self\">Ver Sentencia Completa...<\/a><\/div><\/div><\/div><\/div>\n<div class=\"col-md-12 col-sm-12 col-xs-12 pt-cv-content-item pt-cv-1-col\" ><div class='pt-cv-ifield'><a href=\"https:\/\/www.dmsjuridica.com\/buscador_20179478954\/corteconstitucionalcronologico202454587\/t-227-95\/\" class=\"_self pt-cv-href-thumbnail pt-cv-thumb-default\" target=\"_self\" ><\/a>\n<div class=\"pt-cv-taxoterm above_title\"><a href='https:\/\/www.dmsjuridica.com\/buscador_20179478954\/corteconstitucionalcronologico202454587\/category\/buscar-en-toda-la-corte\/1995\/tutelas-1995\/' title='Tutelas 1995' class='pt-cv-tax-tutelas-1995'>Tutelas 1995<\/a><\/div>\n<h4 class=\"pt-cv-title\"><a href=\"https:\/\/www.dmsjuridica.com\/buscador_20179478954\/corteconstitucionalcronologico202454587\/t-227-95\/\" class=\"_self\" target=\"_self\" >T 227 95<\/a><\/h4>\n<div class=\"pt-cv-content\">T-227-95 Sentencia No. T-227\/95 DERECHO A LA IGUALDAD-Vulneraci\u00f3n\/HIJO EXTRAMATRIMONIAL-Trato discriminatorio \/BANCO DE LA REPUBLICA-Inaplicaci\u00f3n de reglamento La entidad demandada, al aplicar a los demandantes el reglamento de inscripci\u00f3n de beneficiarios, por un hecho del padre -haber constitu\u00eddo otra familia estando separado de hecho-, di\u00f3 a los actores un trato discriminatorio en raz\u00f3n de su origen familiar, y con tal actuaci\u00f3n el Banco de la Rep\u00fablica viol\u00f3 su derecho a la igualdad, y su derecho a obtener el mismo trato que les corresponder\u00eda si fueran hijos matrimoniales. La acci\u00f3n de tutela s\u00ed procede en contra del Banco de la Rep\u00fablica en ...<br \/><div class=\"pt-cv-rmwrap\"><a href=\"https:\/\/www.dmsjuridica.com\/buscador_20179478954\/corteconstitucionalcronologico202454587\/t-227-95\/\" class=\"_self pt-cv-readmore btn btn-success\" target=\"_self\">Ver Sentencia Completa...<\/a><\/div><\/div><\/div><\/div>\n<div class=\"col-md-12 col-sm-12 col-xs-12 pt-cv-content-item pt-cv-1-col\" ><div class='pt-cv-ifield'><a href=\"https:\/\/www.dmsjuridica.com\/buscador_20179478954\/corteconstitucionalcronologico202454587\/t-226-95\/\" class=\"_self pt-cv-href-thumbnail pt-cv-thumb-default\" target=\"_self\" ><\/a>\n<div class=\"pt-cv-taxoterm above_title\"><a href='https:\/\/www.dmsjuridica.com\/buscador_20179478954\/corteconstitucionalcronologico202454587\/category\/buscar-en-toda-la-corte\/1995\/tutelas-1995\/' title='Tutelas 1995' class='pt-cv-tax-tutelas-1995'>Tutelas 1995<\/a><\/div>\n<h4 class=\"pt-cv-title\"><a href=\"https:\/\/www.dmsjuridica.com\/buscador_20179478954\/corteconstitucionalcronologico202454587\/t-226-95\/\" class=\"_self\" target=\"_self\" >T 226 95<\/a><\/h4>\n<div class=\"pt-cv-content\">T-226-95 Sentencia No. T-226\/95 ACCION DE TUTELA CONTRA PARTICULARES La acci\u00f3n de tutela procede contra particulares cuando se afecte grave y directamente el inter\u00e9s colectivo, esto es, un inter\u00e9s que abarca un n\u00famero plural de personas que se ven afectadas por la conducta nociva desplegada por un particular. Ahora bien, la acci\u00f3n de tutela s\u00f3lo puede utilizarse cuando se presentan situaciones en las que los denominados \"derechos colectivos\" como la paz, la salubridad p\u00fablica, la moral administrativa o el medio ambiente, entre otros, afectan a una o varias personas identificadas. DERECHO A LA TRANQUILIDAD-Fundamental\/DERECHO A LA PAZ El derecho a ...<br \/><div class=\"pt-cv-rmwrap\"><a href=\"https:\/\/www.dmsjuridica.com\/buscador_20179478954\/corteconstitucionalcronologico202454587\/t-226-95\/\" class=\"_self pt-cv-readmore btn btn-success\" target=\"_self\">Ver Sentencia Completa...<\/a><\/div><\/div><\/div><\/div>\n<div class=\"col-md-12 col-sm-12 col-xs-12 pt-cv-content-item pt-cv-1-col\" ><div class='pt-cv-ifield'><a href=\"https:\/\/www.dmsjuridica.com\/buscador_20179478954\/corteconstitucionalcronologico202454587\/t-220-95\/\" class=\"_self pt-cv-href-thumbnail pt-cv-thumb-default\" target=\"_self\" ><\/a>\n<div class=\"pt-cv-taxoterm above_title\"><a href='https:\/\/www.dmsjuridica.com\/buscador_20179478954\/corteconstitucionalcronologico202454587\/category\/buscar-en-toda-la-corte\/1995\/tutelas-1995\/' title='Tutelas 1995' class='pt-cv-tax-tutelas-1995'>Tutelas 1995<\/a><\/div>\n<h4 class=\"pt-cv-title\"><a href=\"https:\/\/www.dmsjuridica.com\/buscador_20179478954\/corteconstitucionalcronologico202454587\/t-220-95\/\" class=\"_self\" target=\"_self\" >T 220 95<\/a><\/h4>\n<div class=\"pt-cv-content\">T-220-95 Sentencia No. T-220\/95 DERECHO AL AMBIENTE SANO\/ACCION POPULAR\/DERECHOS FUNDAMENTALES-Conexidad\/ACCION DE TUTELA-Improcedencia El derecho al ambiente sano se encuentra protegido a trav\u00e9s de diversos mecanismos jur\u00eddicos, en particular, por medio de las acciones populares, las cuales tienen procedencia en aquellos casos en los que la afectaci\u00f3n de tal derecho vulnera un derecho constitucional o legal de un n\u00famero indeterminado de personas. La regla general, debe ser complementada con una regla particular de conexidad, seg\u00fan la cual, en aquellos casos en los cuales, de la vulneraci\u00f3n del derecho a gozar del ambiente resulte vulnerado igualmente un derecho constitucional fundamental, procede la ...<br \/><div class=\"pt-cv-rmwrap\"><a href=\"https:\/\/www.dmsjuridica.com\/buscador_20179478954\/corteconstitucionalcronologico202454587\/t-220-95\/\" class=\"_self pt-cv-readmore btn btn-success\" target=\"_self\">Ver Sentencia Completa...<\/a><\/div><\/div><\/div><\/div>\n<div class=\"col-md-12 col-sm-12 col-xs-12 pt-cv-content-item pt-cv-1-col\" ><div class='pt-cv-ifield'><a href=\"https:\/\/www.dmsjuridica.com\/buscador_20179478954\/corteconstitucionalcronologico202454587\/t-219-95\/\" class=\"_self pt-cv-href-thumbnail pt-cv-thumb-default\" target=\"_self\" ><\/a>\n<div class=\"pt-cv-taxoterm above_title\"><a href='https:\/\/www.dmsjuridica.com\/buscador_20179478954\/corteconstitucionalcronologico202454587\/category\/buscar-en-toda-la-corte\/1995\/tutelas-1995\/' title='Tutelas 1995' class='pt-cv-tax-tutelas-1995'>Tutelas 1995<\/a><\/div>\n<h4 class=\"pt-cv-title\"><a href=\"https:\/\/www.dmsjuridica.com\/buscador_20179478954\/corteconstitucionalcronologico202454587\/t-219-95\/\" class=\"_self\" target=\"_self\" >T 219 95<\/a><\/h4>\n<div class=\"pt-cv-content\">T-219-95 Sentencia No. T-219\/95 La relaci\u00f3n existente entre la peticionaria y la entidad bancaria demandada es de tipo contractual. El contrato de dep\u00f3sito en cuenta de ahorros celebrado entre ellas, faculta a la primera a hacer en la entidad consignaciones de dinero en los formularios del banco, debidamente diligenciados, y obliga a la segunda a recibir dichas sumas y abonarlas en la cuenta del cliente. ENRIQUECIMIENTO SIN CAUSA-Requisitos Son tres los requisitos que deben probarse para que se declare la existencia de un enriquecimiento de esta \u00edndole y se ordene la devoluci\u00f3n de los bienes correspondientes: 1) un enriquecimiento o ...<br \/><div class=\"pt-cv-rmwrap\"><a href=\"https:\/\/www.dmsjuridica.com\/buscador_20179478954\/corteconstitucionalcronologico202454587\/t-219-95\/\" class=\"_self pt-cv-readmore btn btn-success\" target=\"_self\">Ver Sentencia Completa...<\/a><\/div><\/div><\/div><\/div>\n<div class=\"col-md-12 col-sm-12 col-xs-12 pt-cv-content-item pt-cv-1-col\" ><div class='pt-cv-ifield'><a href=\"https:\/\/www.dmsjuridica.com\/buscador_20179478954\/corteconstitucionalcronologico202454587\/t-218-95\/\" class=\"_self pt-cv-href-thumbnail pt-cv-thumb-default\" target=\"_self\" ><\/a>\n<div class=\"pt-cv-taxoterm above_title\"><a href='https:\/\/www.dmsjuridica.com\/buscador_20179478954\/corteconstitucionalcronologico202454587\/category\/buscar-en-toda-la-corte\/1995\/tutelas-1995\/' title='Tutelas 1995' class='pt-cv-tax-tutelas-1995'>Tutelas 1995<\/a><\/div>\n<h4 class=\"pt-cv-title\"><a href=\"https:\/\/www.dmsjuridica.com\/buscador_20179478954\/corteconstitucionalcronologico202454587\/t-218-95\/\" class=\"_self\" target=\"_self\" >T 218 95<\/a><\/h4>\n<div class=\"pt-cv-content\">T-218-95 ESTABLECIMIENTO EDUCATIVO-Irregularidades\/DERECHO A LA EDUCACION-Requisito de validaci\u00f3n La promoci\u00f3n de un estudiante al grado siguiente, sin el lleno de los requisitos, comporta una irregularidad que, pese a no haberse originado en \u00e9ste \u00faltimo, no genera un derecho adquirido en su favor. El procedimiento de validaci\u00f3n que ofrece la ley, persigue garantizar que el Estado compruebe los conocimientos, habilidades y destrezas del estudiante y que \u00e9ste, de otra parte, disponga de una oportunidad para consolidar la situaci\u00f3n precaria en la que eventualmente pueda encontrarse como consecuencia de la inobservancia de la ley. La validaci\u00f3n, desde esta perspectiva, no puede contemplarse ...<br \/><div class=\"pt-cv-rmwrap\"><a href=\"https:\/\/www.dmsjuridica.com\/buscador_20179478954\/corteconstitucionalcronologico202454587\/t-218-95\/\" class=\"_self pt-cv-readmore btn btn-success\" target=\"_self\">Ver Sentencia Completa...<\/a><\/div><\/div><\/div><\/div>\n<div class=\"col-md-12 col-sm-12 col-xs-12 pt-cv-content-item pt-cv-1-col\" ><div class='pt-cv-ifield'><a href=\"https:\/\/www.dmsjuridica.com\/buscador_20179478954\/corteconstitucionalcronologico202454587\/t-217-95\/\" class=\"_self pt-cv-href-thumbnail pt-cv-thumb-default\" target=\"_self\" ><\/a>\n<div class=\"pt-cv-taxoterm above_title\"><a href='https:\/\/www.dmsjuridica.com\/buscador_20179478954\/corteconstitucionalcronologico202454587\/category\/buscar-en-toda-la-corte\/1995\/tutelas-1995\/' title='Tutelas 1995' class='pt-cv-tax-tutelas-1995'>Tutelas 1995<\/a><\/div>\n<h4 class=\"pt-cv-title\"><a href=\"https:\/\/www.dmsjuridica.com\/buscador_20179478954\/corteconstitucionalcronologico202454587\/t-217-95\/\" class=\"_self\" target=\"_self\" >T 217 95<\/a><\/h4>\n<div class=\"pt-cv-content\">T-217-95 Sentencia No. T-217\/95 CONFLICTO FAMILIAR Se est\u00e1 en presencia de un conflicto familiar, en el que el Juez de Tutela no puede inmiscuirse por ser del resorte de la jurisdicci\u00f3n civil ordinaria. En este sentido no es viable la tutela por existir otros medios de defensa judicial, y por cuanto no se encuentra el derecho fundamental de ninguno de los miembros de esa familia en situaci\u00f3n de riesgo inminente o grave, que haga procedente la acci\u00f3n como mecanismo transitorio. ACCION DE TUTELA INTERPUESTA POR MENOR-Inexistencia de indefensi\u00f3n En relaci\u00f3n con el hecho de que la demanda de tutela se ...<br \/><div class=\"pt-cv-rmwrap\"><a href=\"https:\/\/www.dmsjuridica.com\/buscador_20179478954\/corteconstitucionalcronologico202454587\/t-217-95\/\" class=\"_self pt-cv-readmore btn btn-success\" target=\"_self\">Ver Sentencia Completa...<\/a><\/div><\/div><\/div><\/div>\n<div class=\"col-md-12 col-sm-12 col-xs-12 pt-cv-content-item pt-cv-1-col\" ><div class='pt-cv-ifield'><a href=\"https:\/\/www.dmsjuridica.com\/buscador_20179478954\/corteconstitucionalcronologico202454587\/t-216-95\/\" class=\"_self pt-cv-href-thumbnail pt-cv-thumb-default\" target=\"_self\" ><\/a>\n<div class=\"pt-cv-taxoterm above_title\"><a href='https:\/\/www.dmsjuridica.com\/buscador_20179478954\/corteconstitucionalcronologico202454587\/category\/buscar-en-toda-la-corte\/1995\/tutelas-1995\/' title='Tutelas 1995' class='pt-cv-tax-tutelas-1995'>Tutelas 1995<\/a><\/div>\n<h4 class=\"pt-cv-title\"><a href=\"https:\/\/www.dmsjuridica.com\/buscador_20179478954\/corteconstitucionalcronologico202454587\/t-216-95\/\" class=\"_self\" target=\"_self\" >T 216 95<\/a><\/h4>\n<div class=\"pt-cv-content\">T-216-95 Sentencia No. T-216\/95 DERECHO A LA IGUALDAD-Inexistencia de trato discriminatorio No existe la vulneraci\u00f3n al derecho a la igualdad que esgrime la peticionaria, por cuanto de una parte, no aparece demostrado ni en la demanda de tutela ni dentro del proceso, un trato discriminatorio que exija del juez de tutela, la adopci\u00f3n de medidas en orden a cesar dicho tratamiento injustificado por parte de la empresa accionada. No existe, como lo pretende hacer creer la actora, prueba que permita demostrar que efectivamente desde hace dos a\u00f1os no se le haya aumentado su salario, ni que la carga laboral a ...<br \/><div class=\"pt-cv-rmwrap\"><a href=\"https:\/\/www.dmsjuridica.com\/buscador_20179478954\/corteconstitucionalcronologico202454587\/t-216-95\/\" class=\"_self pt-cv-readmore btn btn-success\" target=\"_self\">Ver Sentencia Completa...<\/a><\/div><\/div><\/div><\/div>\n<div class=\"col-md-12 col-sm-12 col-xs-12 pt-cv-content-item pt-cv-1-col\" ><div class='pt-cv-ifield'><a href=\"https:\/\/www.dmsjuridica.com\/buscador_20179478954\/corteconstitucionalcronologico202454587\/t-215-95\/\" class=\"_self pt-cv-href-thumbnail pt-cv-thumb-default\" target=\"_self\" ><\/a>\n<div class=\"pt-cv-taxoterm above_title\"><a href='https:\/\/www.dmsjuridica.com\/buscador_20179478954\/corteconstitucionalcronologico202454587\/category\/buscar-en-toda-la-corte\/1995\/tutelas-1995\/' title='Tutelas 1995' class='pt-cv-tax-tutelas-1995'>Tutelas 1995<\/a><\/div>\n<h4 class=\"pt-cv-title\"><a href=\"https:\/\/www.dmsjuridica.com\/buscador_20179478954\/corteconstitucionalcronologico202454587\/t-215-95\/\" class=\"_self\" target=\"_self\" >T 215 95<\/a><\/h4>\n<div class=\"pt-cv-content\">T-215-95 Sentencia No. T-215\/95 CONTRATO DE TRABAJO-Modificaci\u00f3n\/ACCION DE TUTELA-Improcedencia\/MEDIO DE DEFENSA JUDICIAL Se permite a la empresa asignarle al trabajador otras funciones inherentes y relacionadas con su actividad profesional. En el mismo sentido, seg\u00fan el mencionado contrato, el patrono est\u00e1 habilitado para fijar o se\u00f1alar horarios extraordinarios de trabajo, los cuales el trabajador al firmar el contrato de trabajo, acept\u00f3 en forma expresa y voluntaria. Si el trabajador est\u00e1 inconforme con las nuevas cargas laborales a \u00e9l asignadas, as\u00ed como con el horario adicional de trabajo -que en este caso se ajustan a lo estipulado en el contrato-, est\u00e1 habilitado ...<br \/><div class=\"pt-cv-rmwrap\"><a href=\"https:\/\/www.dmsjuridica.com\/buscador_20179478954\/corteconstitucionalcronologico202454587\/t-215-95\/\" class=\"_self pt-cv-readmore btn btn-success\" target=\"_self\">Ver Sentencia Completa...<\/a><\/div><\/div><\/div><\/div>\n<div class=\"col-md-12 col-sm-12 col-xs-12 pt-cv-content-item pt-cv-1-col\" ><div class='pt-cv-ifield'><a href=\"https:\/\/www.dmsjuridica.com\/buscador_20179478954\/corteconstitucionalcronologico202454587\/t-214-95\/\" class=\"_self pt-cv-href-thumbnail pt-cv-thumb-default\" target=\"_self\" ><\/a>\n<div class=\"pt-cv-taxoterm above_title\"><a href='https:\/\/www.dmsjuridica.com\/buscador_20179478954\/corteconstitucionalcronologico202454587\/category\/buscar-en-toda-la-corte\/1995\/tutelas-1995\/' title='Tutelas 1995' class='pt-cv-tax-tutelas-1995'>Tutelas 1995<\/a><\/div>\n<h4 class=\"pt-cv-title\"><a href=\"https:\/\/www.dmsjuridica.com\/buscador_20179478954\/corteconstitucionalcronologico202454587\/t-214-95\/\" class=\"_self\" target=\"_self\" >T 214 95<\/a><\/h4>\n<div class=\"pt-cv-content\">T-214-95 Sentencia No. T-214\/95 SISTEMA DE SEGURIDAD SOCIAL-Objetivo El objetivo fundamental del sistema de seguridad social es garantizar los derechos irrenunciables de la persona y la comunidad para obtener la calidad de vida acorde con la dignidad humana, mediante la protecci\u00f3n de las contingencias que la afecten. Sistema que comprende las obligaciones del Estado y la sociedad, las instituciones y los recursos destinados a garantizar la cobertura de las prestaciones de car\u00e1cter econ\u00f3mico, de salud y servicios complementarios. INSTITUTO DE SEGUROS SOCIALES-Afiliaci\u00f3n del c\u00f3nyuge\/SISTEMA DE SEGURIDAD SOCIAL-Cobertura El par\u00e1grafo 1o. del art\u00edculo 60 del Decreto 3063 de 1989, aducido por ...<br \/><div class=\"pt-cv-rmwrap\"><a href=\"https:\/\/www.dmsjuridica.com\/buscador_20179478954\/corteconstitucionalcronologico202454587\/t-214-95\/\" class=\"_self pt-cv-readmore btn btn-success\" target=\"_self\">Ver Sentencia Completa...<\/a><\/div><\/div><\/div><\/div>\n<div class=\"col-md-12 col-sm-12 col-xs-12 pt-cv-content-item pt-cv-1-col\" ><div class='pt-cv-ifield'><a href=\"https:\/\/www.dmsjuridica.com\/buscador_20179478954\/corteconstitucionalcronologico202454587\/t-213-95\/\" class=\"_self pt-cv-href-thumbnail pt-cv-thumb-default\" target=\"_self\" ><\/a>\n<div class=\"pt-cv-taxoterm above_title\"><a href='https:\/\/www.dmsjuridica.com\/buscador_20179478954\/corteconstitucionalcronologico202454587\/category\/buscar-en-toda-la-corte\/1995\/tutelas-1995\/' title='Tutelas 1995' class='pt-cv-tax-tutelas-1995'>Tutelas 1995<\/a><\/div>\n<h4 class=\"pt-cv-title\"><a href=\"https:\/\/www.dmsjuridica.com\/buscador_20179478954\/corteconstitucionalcronologico202454587\/t-213-95\/\" class=\"_self\" target=\"_self\" >T 213 95<\/a><\/h4>\n<div class=\"pt-cv-content\">T-213-95 Sentencia No. T-213\/95 DERECHOS COLECTIVOS\/DERECHO AL AMBIENTE SANO En principio no puede acudirse a la acci\u00f3n de tutela para la defensa del ambiente -derecho de car\u00e1cter colectivo- ya que para el efecto se han institu\u00eddo constitucional las acciones populares. Ello no se opone, sin embargo, a la tutela del derecho individual de quien, siendo parte de la comunidad, es afectado o amenazado en forma directa por la contaminaci\u00f3n del ambiente, pues su salud y aun su vida est\u00e1n de por medio, ello siempre y cuando como lo ha sostenido la jurisprudencia constitucional, se acredite el nexo causal existente entre ...<br \/><div class=\"pt-cv-rmwrap\"><a href=\"https:\/\/www.dmsjuridica.com\/buscador_20179478954\/corteconstitucionalcronologico202454587\/t-213-95\/\" class=\"_self pt-cv-readmore btn btn-success\" target=\"_self\">Ver Sentencia Completa...<\/a><\/div><\/div><\/div><\/div>\n<div class=\"col-md-12 col-sm-12 col-xs-12 pt-cv-content-item pt-cv-1-col\" ><div class='pt-cv-ifield'><a href=\"https:\/\/www.dmsjuridica.com\/buscador_20179478954\/corteconstitucionalcronologico202454587\/t-212-95\/\" class=\"_self pt-cv-href-thumbnail pt-cv-thumb-default\" target=\"_self\" ><\/a>\n<div class=\"pt-cv-taxoterm above_title\"><a href='https:\/\/www.dmsjuridica.com\/buscador_20179478954\/corteconstitucionalcronologico202454587\/category\/buscar-en-toda-la-corte\/1995\/tutelas-1995\/' title='Tutelas 1995' class='pt-cv-tax-tutelas-1995'>Tutelas 1995<\/a><\/div>\n<h4 class=\"pt-cv-title\"><a href=\"https:\/\/www.dmsjuridica.com\/buscador_20179478954\/corteconstitucionalcronologico202454587\/t-212-95\/\" class=\"_self\" target=\"_self\" >T 212 95<\/a><\/h4>\n<div class=\"pt-cv-content\">T-212-95 Sentencia No. T-212\/95 RECURSO DE APELACION EN PENAL-Sustentaci\u00f3n\/DEBIDO PROCESO La exigencia seg\u00fan la cual quien hace uso del recurso de apelaci\u00f3n debe sustentarlo para que pueda ser atendido, encuentra plena conformidad con las expresiones de la Constituci\u00f3n, que reconocen el mencionado derecho a la doble instancia y del debido proceso penal. Si no se sustenta el recurso no se ejerce cabalmente el derecho constitucional a la doble instancia en los asuntos que terminan con sentencia judicial; por ello se debe concluir que el derecho a que las sentencias puedan ser objeto de apelaci\u00f3n comporta el deber de sustentar la ...<br \/><div class=\"pt-cv-rmwrap\"><a href=\"https:\/\/www.dmsjuridica.com\/buscador_20179478954\/corteconstitucionalcronologico202454587\/t-212-95\/\" class=\"_self pt-cv-readmore btn btn-success\" target=\"_self\">Ver Sentencia Completa...<\/a><\/div><\/div><\/div><\/div>\n<div class=\"col-md-12 col-sm-12 col-xs-12 pt-cv-content-item pt-cv-1-col\" ><div class='pt-cv-ifield'><a href=\"https:\/\/www.dmsjuridica.com\/buscador_20179478954\/corteconstitucionalcronologico202454587\/t-211-95\/\" class=\"_self pt-cv-href-thumbnail pt-cv-thumb-default\" target=\"_self\" ><\/a>\n<div class=\"pt-cv-taxoterm above_title\"><a href='https:\/\/www.dmsjuridica.com\/buscador_20179478954\/corteconstitucionalcronologico202454587\/category\/buscar-en-toda-la-corte\/1995\/tutelas-1995\/' title='Tutelas 1995' class='pt-cv-tax-tutelas-1995'>Tutelas 1995<\/a><\/div>\n<h4 class=\"pt-cv-title\"><a href=\"https:\/\/www.dmsjuridica.com\/buscador_20179478954\/corteconstitucionalcronologico202454587\/t-211-95\/\" class=\"_self\" target=\"_self\" >T 211 95<\/a><\/h4>\n<div class=\"pt-cv-content\">T-211-95 Sentencia No. T-211\/95 DERECHO A LA EDUCACION\/LIBERTAD DE ENSE\u00d1ANZA-Reglamento estudiantil\/DERECHO AL LIBRE DESARROLLO DE LA PERSONALIDAD\/MATERNIDAD-Protecci\u00f3n La Corte es consciente del contenido del concepto de libertad de ense\u00f1anza que implica la adopci\u00f3n de una \u00e9tica por parte del respectivo colegio y en consecuencia el deber jur\u00eddico de los estudiantes de acatarlo, pero esa concepci\u00f3n \u00e9tica NO es absoluta tiene que ser compatible con los fines de la educaci\u00f3n que implica respecto a los derechos humanos, por lo tanto deben cohabitar los diversos derechos que est\u00e1n en juego respet\u00e1ndose el n\u00facleo esencial de cada uno de ellos. La calificaci\u00f3n del ...<br \/><div class=\"pt-cv-rmwrap\"><a href=\"https:\/\/www.dmsjuridica.com\/buscador_20179478954\/corteconstitucionalcronologico202454587\/t-211-95\/\" class=\"_self pt-cv-readmore btn btn-success\" target=\"_self\">Ver Sentencia Completa...<\/a><\/div><\/div><\/div><\/div>\n<div class=\"col-md-12 col-sm-12 col-xs-12 pt-cv-content-item pt-cv-1-col\" ><div class='pt-cv-ifield'><a href=\"https:\/\/www.dmsjuridica.com\/buscador_20179478954\/corteconstitucionalcronologico202454587\/t-210-95\/\" class=\"_self pt-cv-href-thumbnail pt-cv-thumb-default\" target=\"_self\" ><\/a>\n<div class=\"pt-cv-taxoterm above_title\"><a href='https:\/\/www.dmsjuridica.com\/buscador_20179478954\/corteconstitucionalcronologico202454587\/category\/buscar-en-toda-la-corte\/1995\/tutelas-1995\/' title='Tutelas 1995' class='pt-cv-tax-tutelas-1995'>Tutelas 1995<\/a><\/div>\n<h4 class=\"pt-cv-title\"><a href=\"https:\/\/www.dmsjuridica.com\/buscador_20179478954\/corteconstitucionalcronologico202454587\/t-210-95\/\" class=\"_self\" target=\"_self\" >T 210 95<\/a><\/h4>\n<div class=\"pt-cv-content\">T-210-95 Sentencia No. T-210\/95 DERECHO DE PETICION-Pronta Resoluci\u00f3n\/ACCION DE TUTELA CONTRA ENTIDAD EN LIQUIDACION El derecho de petici\u00f3n comprende la facultad de dirigirse a las autoridades p\u00fablicas, en inter\u00e9s particular o general, y adicionalmente, la obtenci\u00f3n de una pronta resoluci\u00f3n, de modo que la autoridad p\u00fablica que guarda silencio, absteni\u00e9ndose de brindar una respuesta o que la produce, pero con evidente tardanza, conculca el derecho. La resoluci\u00f3n que la norma impone implica entrar al fondo del asunto, de manera que la decisi\u00f3n que finalmente se adopte en realidad resuelva, positiva o negativamente, la cuesti\u00f3n planteada, aludiendo, en todo caso, a ...<br \/><div class=\"pt-cv-rmwrap\"><a href=\"https:\/\/www.dmsjuridica.com\/buscador_20179478954\/corteconstitucionalcronologico202454587\/t-210-95\/\" class=\"_self pt-cv-readmore btn btn-success\" target=\"_self\">Ver Sentencia Completa...<\/a><\/div><\/div><\/div><\/div>\n<div class=\"col-md-12 col-sm-12 col-xs-12 pt-cv-content-item pt-cv-1-col\" ><div class='pt-cv-ifield'><a href=\"https:\/\/www.dmsjuridica.com\/buscador_20179478954\/corteconstitucionalcronologico202454587\/t-209-95\/\" class=\"_self pt-cv-href-thumbnail pt-cv-thumb-default\" target=\"_self\" ><\/a>\n<div class=\"pt-cv-taxoterm above_title\"><a href='https:\/\/www.dmsjuridica.com\/buscador_20179478954\/corteconstitucionalcronologico202454587\/category\/buscar-en-toda-la-corte\/1995\/tutelas-1995\/' title='Tutelas 1995' class='pt-cv-tax-tutelas-1995'>Tutelas 1995<\/a><\/div>\n<h4 class=\"pt-cv-title\"><a href=\"https:\/\/www.dmsjuridica.com\/buscador_20179478954\/corteconstitucionalcronologico202454587\/t-209-95\/\" class=\"_self\" target=\"_self\" >T 209 95<\/a><\/h4>\n<div class=\"pt-cv-content\">T-209-95 Sentencia No. T-209\/95 DERECHO A LA PENSION DE JUBILACION-Pago oportuno\/ACCION DE TUTELA El pago de las pensiones se hace efectivo si previamente al mismo se realiza la inclusi\u00f3n en la n\u00f3mina de pensionados\" que constituye un acto de tr\u00e1mite o preparatorio, no atacable en v\u00eda gubernativa ni susceptible de controversia ante la jurisdicci\u00f3n de lo contencioso administrativo, de donde surge \"que el \u00fanico medio judicial de defensa para la protecci\u00f3n del derecho fundamental, es precisamente la acci\u00f3n de tutela\". PENSION DE INVALIDEZ\/DERECHO A LA IGUALDAD-Vulneraci\u00f3n La condici\u00f3n de disminuido f\u00edsico, sensorial o ps\u00edquico -que subyace a la calificaci\u00f3n m\u00e9dica ...<br \/><div class=\"pt-cv-rmwrap\"><a href=\"https:\/\/www.dmsjuridica.com\/buscador_20179478954\/corteconstitucionalcronologico202454587\/t-209-95\/\" class=\"_self pt-cv-readmore btn btn-success\" target=\"_self\">Ver Sentencia Completa...<\/a><\/div><\/div><\/div><\/div>\n<div class=\"col-md-12 col-sm-12 col-xs-12 pt-cv-content-item pt-cv-1-col\" ><div class='pt-cv-ifield'><a href=\"https:\/\/www.dmsjuridica.com\/buscador_20179478954\/corteconstitucionalcronologico202454587\/t-208-95\/\" class=\"_self pt-cv-href-thumbnail pt-cv-thumb-default\" target=\"_self\" ><\/a>\n<div class=\"pt-cv-taxoterm above_title\"><a href='https:\/\/www.dmsjuridica.com\/buscador_20179478954\/corteconstitucionalcronologico202454587\/category\/buscar-en-toda-la-corte\/1995\/tutelas-1995\/' title='Tutelas 1995' class='pt-cv-tax-tutelas-1995'>Tutelas 1995<\/a><\/div>\n<h4 class=\"pt-cv-title\"><a href=\"https:\/\/www.dmsjuridica.com\/buscador_20179478954\/corteconstitucionalcronologico202454587\/t-208-95\/\" class=\"_self\" target=\"_self\" >T 208 95<\/a><\/h4>\n<div class=\"pt-cv-content\">T-208-95 Sentencia No. T-208\/95 PERJUICIO IRREMEDIABLE-Requisitos\/ACCION DE TUTELA-Improcedencia\/MEDIO DE DEFENSA JUDICIAL\/UNIFORMES DE TRABAJO Para que el perjuicio sea irremediable ha de ser INMINENTE, las medidas deben ser URGENTES, el perjuicio GRAVE y la urgencia y la gravedad determinen que la tutela sea IMPOSTERGABLE. En el presente caso es el mismo abogado quien se encarga de quitarle todo piso a la urgencia porque los poderes se le dieron en 1993 y la tutela la presenta un a\u00f1o despu\u00e9s, a la inminencia porque reclama en 1994 lo de 1990 a 1993, a la gravedad porque en la misma petici\u00f3n afirma que los ...<br \/><div class=\"pt-cv-rmwrap\"><a href=\"https:\/\/www.dmsjuridica.com\/buscador_20179478954\/corteconstitucionalcronologico202454587\/t-208-95\/\" class=\"_self pt-cv-readmore btn btn-success\" target=\"_self\">Ver Sentencia Completa...<\/a><\/div><\/div><\/div><\/div>\n<div class=\"col-md-12 col-sm-12 col-xs-12 pt-cv-content-item pt-cv-1-col\" ><div class='pt-cv-ifield'><a href=\"https:\/\/www.dmsjuridica.com\/buscador_20179478954\/corteconstitucionalcronologico202454587\/t-207-95\/\" class=\"_self pt-cv-href-thumbnail pt-cv-thumb-default\" target=\"_self\" ><\/a>\n<div class=\"pt-cv-taxoterm above_title\"><a href='https:\/\/www.dmsjuridica.com\/buscador_20179478954\/corteconstitucionalcronologico202454587\/category\/buscar-en-toda-la-corte\/1995\/tutelas-1995\/' title='Tutelas 1995' class='pt-cv-tax-tutelas-1995'>Tutelas 1995<\/a><\/div>\n<h4 class=\"pt-cv-title\"><a href=\"https:\/\/www.dmsjuridica.com\/buscador_20179478954\/corteconstitucionalcronologico202454587\/t-207-95\/\" class=\"_self\" target=\"_self\" >T 207 95<\/a><\/h4>\n<div class=\"pt-cv-content\">T-207-95 Sentencia No. T-207\/95 DERECHOS PRESTACIONALES Los derechos prestacionales, en determinadas situaciones, generan un derecho subjetivo, esto quiere decir que el titular del derecho puede exigir su ejecuci\u00f3n a trav\u00e9s de las v\u00edas judiciales. En otras ocasiones, los derechos de prestaci\u00f3n tienen contenido program\u00e1tico, o sea, su efectividad no puede ser exigida a trav\u00e9s de los mecanismos judiciales. En este \u00faltimo caso, en realidad, m\u00e1s que derechos son principios orientadores de la funci\u00f3n p\u00fablica, simples metas de la gesti\u00f3n estatal. Los derechos de prestaci\u00f3n con contenido program\u00e1tico tienen tal entidad porque precisamente son s\u00f3lo un programa de acci\u00f3n estatal, una ...<br \/><div class=\"pt-cv-rmwrap\"><a href=\"https:\/\/www.dmsjuridica.com\/buscador_20179478954\/corteconstitucionalcronologico202454587\/t-207-95\/\" class=\"_self pt-cv-readmore btn btn-success\" target=\"_self\">Ver Sentencia Completa...<\/a><\/div><\/div><\/div><\/div>\n<div class=\"col-md-12 col-sm-12 col-xs-12 pt-cv-content-item pt-cv-1-col\" ><div class='pt-cv-ifield'><a href=\"https:\/\/www.dmsjuridica.com\/buscador_20179478954\/corteconstitucionalcronologico202454587\/t-206-95\/\" class=\"_self pt-cv-href-thumbnail pt-cv-thumb-default\" target=\"_self\" ><\/a>\n<div class=\"pt-cv-taxoterm above_title\"><a href='https:\/\/www.dmsjuridica.com\/buscador_20179478954\/corteconstitucionalcronologico202454587\/category\/buscar-en-toda-la-corte\/1995\/tutelas-1995\/' title='Tutelas 1995' class='pt-cv-tax-tutelas-1995'>Tutelas 1995<\/a><\/div>\n<h4 class=\"pt-cv-title\"><a href=\"https:\/\/www.dmsjuridica.com\/buscador_20179478954\/corteconstitucionalcronologico202454587\/t-206-95\/\" class=\"_self\" target=\"_self\" >T 206 95<\/a><\/h4>\n<div class=\"pt-cv-content\">T-206-95 Sentencia No. T-206\/95 NOTICIERO-Responsabilidad\/NOTICIERO QAP\/DERECHO A LA INFORMACION-Veracidad e imparcialidad Los encargados de los medios masivos de comunicaci\u00f3n no pueden excusarse diciendo que ellos se limitan a difundir las afirmaciones injuriosas o calumniosas que cualquiera les presente. Ellos tienen el derecho de informar, pero la informaci\u00f3n tiene que ser veraz e imparcial. Y la que se difundi\u00f3 sobre el doctor Becerra Barney no ten\u00eda ninguna de estas dos calidades: no era veraz, como se comprob\u00f3 plenamente en los d\u00edas inmediatamente siguientes; y no era imparcial, como es ostensible si se tiene en cuenta la expresi\u00f3n coloquial usada por el ...<br \/><div class=\"pt-cv-rmwrap\"><a href=\"https:\/\/www.dmsjuridica.com\/buscador_20179478954\/corteconstitucionalcronologico202454587\/t-206-95\/\" class=\"_self pt-cv-readmore btn btn-success\" target=\"_self\">Ver Sentencia Completa...<\/a><\/div><\/div><\/div><\/div>\n<div class=\"col-md-12 col-sm-12 col-xs-12 pt-cv-content-item pt-cv-1-col\" ><div class='pt-cv-ifield'><a href=\"https:\/\/www.dmsjuridica.com\/buscador_20179478954\/corteconstitucionalcronologico202454587\/t-202-95\/\" class=\"_self pt-cv-href-thumbnail pt-cv-thumb-default\" target=\"_self\" ><\/a>\n<div class=\"pt-cv-taxoterm above_title\"><a href='https:\/\/www.dmsjuridica.com\/buscador_20179478954\/corteconstitucionalcronologico202454587\/category\/buscar-en-toda-la-corte\/1995\/tutelas-1995\/' title='Tutelas 1995' class='pt-cv-tax-tutelas-1995'>Tutelas 1995<\/a><\/div>\n<h4 class=\"pt-cv-title\"><a href=\"https:\/\/www.dmsjuridica.com\/buscador_20179478954\/corteconstitucionalcronologico202454587\/t-202-95\/\" class=\"_self\" target=\"_self\" >T 202 95<\/a><\/h4>\n<div class=\"pt-cv-content\">T-202-95 Sentencia No. T-202\/95 DERECHO A LA SUSTITUCION PENSIONAL DE COMPA\u00d1ERO PERMANENTE\/ PRINCIPIO DE IGUALDAD \/DISCRIMINACION POR SEXO A partir de la vigencia de la ley 71 de 1988, el compa\u00f1ero permanente tambi\u00e9n tiene derecho a la sustituci\u00f3n pensional y, en tal virtud, es equivocada la aseveraci\u00f3n que se hace en los actos de la aludida Seccional en el sentido de que al peticionario no le asiste el derecho a la sustituci\u00f3n pensional. Por otra parte, el hecho de que las resoluciones en cuesti\u00f3n fueron dictadas bajo la vigencia de la Constituci\u00f3n Pol\u00edtica de 1991, implica que dichas actuaciones administrativas ...<br \/><div class=\"pt-cv-rmwrap\"><a href=\"https:\/\/www.dmsjuridica.com\/buscador_20179478954\/corteconstitucionalcronologico202454587\/t-202-95\/\" class=\"_self pt-cv-readmore btn btn-success\" target=\"_self\">Ver Sentencia Completa...<\/a><\/div><\/div><\/div><\/div>\n<div class=\"col-md-12 col-sm-12 col-xs-12 pt-cv-content-item pt-cv-1-col\" ><div class='pt-cv-ifield'><a href=\"https:\/\/www.dmsjuridica.com\/buscador_20179478954\/corteconstitucionalcronologico202454587\/t-201-95\/\" class=\"_self pt-cv-href-thumbnail pt-cv-thumb-default\" target=\"_self\" ><\/a>\n<div class=\"pt-cv-taxoterm above_title\"><a href='https:\/\/www.dmsjuridica.com\/buscador_20179478954\/corteconstitucionalcronologico202454587\/category\/buscar-en-toda-la-corte\/1995\/tutelas-1995\/' title='Tutelas 1995' class='pt-cv-tax-tutelas-1995'>Tutelas 1995<\/a><\/div>\n<h4 class=\"pt-cv-title\"><a href=\"https:\/\/www.dmsjuridica.com\/buscador_20179478954\/corteconstitucionalcronologico202454587\/t-201-95\/\" class=\"_self\" target=\"_self\" >T 201 95<\/a><\/h4>\n<div class=\"pt-cv-content\">T-201-95 Sentencia No. T-201\/95 SALARIO-Criterio de diferenciaci\u00f3n\/DERECHO A LA IGUALDAD-Vulneraci\u00f3n\/CARRERA ADMINISTRATIVA-Vulneraci\u00f3n El tertium comparationis, o criterio de diferenciaci\u00f3n, incorporado en el acto administrativo de determinaci\u00f3n de las escalas salariales, consiste en el hecho de ostentar un determinado empleo cuya supresi\u00f3n pretende la administraci\u00f3n. La omisi\u00f3n de la autoridad administrativa introdujo una diferenciaci\u00f3n de trato entre los servidores p\u00fablicos del municipio, y los servidores p\u00fablicos con el cargo de Secretario grado 10. MUNICIPAL-Modificaci\u00f3n de empleos\/DERECHO A LA ESTABILIDAD LABORAL\/CARRERA ADMINISTRATIVA-Protecci\u00f3n La objetividad y razonabilidad del criterio de diferenciaci\u00f3n, no obstante, debe apreciarse seg\u00fan los medios escogidos para alcanzar la finalidad propuesta, ...<br \/><div class=\"pt-cv-rmwrap\"><a href=\"https:\/\/www.dmsjuridica.com\/buscador_20179478954\/corteconstitucionalcronologico202454587\/t-201-95\/\" class=\"_self pt-cv-readmore btn btn-success\" target=\"_self\">Ver Sentencia Completa...<\/a><\/div><\/div><\/div><\/div>\n<div class=\"col-md-12 col-sm-12 col-xs-12 pt-cv-content-item pt-cv-1-col\" ><div class='pt-cv-ifield'><a href=\"https:\/\/www.dmsjuridica.com\/buscador_20179478954\/corteconstitucionalcronologico202454587\/t-200-95\/\" class=\"_self pt-cv-href-thumbnail pt-cv-thumb-default\" target=\"_self\" ><\/a>\n<div class=\"pt-cv-taxoterm above_title\"><a href='https:\/\/www.dmsjuridica.com\/buscador_20179478954\/corteconstitucionalcronologico202454587\/category\/buscar-en-toda-la-corte\/1995\/tutelas-1995\/' title='Tutelas 1995' class='pt-cv-tax-tutelas-1995'>Tutelas 1995<\/a><\/div>\n<h4 class=\"pt-cv-title\"><a href=\"https:\/\/www.dmsjuridica.com\/buscador_20179478954\/corteconstitucionalcronologico202454587\/t-200-95\/\" class=\"_self\" target=\"_self\" >T 200 95<\/a><\/h4>\n<div class=\"pt-cv-content\">T-200-95 Sentencia No. T-200\/95 LIBERTAD DE CULTOS-Alcance\/LIBERTAD DE CULTOS-L\u00edmitaciones En ejercicio de una libertad que el Estado garantiza, todos pueden afiliarse a la confesi\u00f3n religiosa de sus preferencias y, obviamente, habi\u00e9ndose matriculado en una de ellas, el feligr\u00e9s se compromete a acatar los deberes y obligaciones que exige la profesi\u00f3n de fe. Si bien el Estado se halla obligado por las normas constitucionales a permitir que los fieles de las distintas religiones tomen parte activa en los ritos propios de sus creencias, sin obst\u00e1culos ni impedimentos, los agentes estatales no pueden permanecer pasivos ante situaciones que, desbordando el curso razonable ...<br \/><div class=\"pt-cv-rmwrap\"><a href=\"https:\/\/www.dmsjuridica.com\/buscador_20179478954\/corteconstitucionalcronologico202454587\/t-200-95\/\" class=\"_self pt-cv-readmore btn btn-success\" target=\"_self\">Ver Sentencia Completa...<\/a><\/div><\/div><\/div><\/div>\n<div class=\"col-md-12 col-sm-12 col-xs-12 pt-cv-content-item pt-cv-1-col\" ><div class='pt-cv-ifield'><a href=\"https:\/\/www.dmsjuridica.com\/buscador_20179478954\/corteconstitucionalcronologico202454587\/t-199-95\/\" class=\"_self pt-cv-href-thumbnail pt-cv-thumb-default\" target=\"_self\" ><\/a>\n<div class=\"pt-cv-taxoterm above_title\"><a href='https:\/\/www.dmsjuridica.com\/buscador_20179478954\/corteconstitucionalcronologico202454587\/category\/buscar-en-toda-la-corte\/1995\/tutelas-1995\/' title='Tutelas 1995' class='pt-cv-tax-tutelas-1995'>Tutelas 1995<\/a><\/div>\n<h4 class=\"pt-cv-title\"><a href=\"https:\/\/www.dmsjuridica.com\/buscador_20179478954\/corteconstitucionalcronologico202454587\/t-199-95\/\" class=\"_self\" target=\"_self\" >T 199 95<\/a><\/h4>\n<div class=\"pt-cv-content\">T-199-95 Sentencia No. T-199\/95 DERECHO A LA INFORMACION-Veracidad\/HABEAS DATA\/RECTIFICACION DE INFORMACION La informaci\u00f3n, para ser veraz, tiene que ser completa, es decir, se espera que comprenda todos los aspectos esenciales del asunto que constituye su objeto. De tal modo que la informaci\u00f3n incompleta no puede reclamar el calificativo de verdadera. DERECHO DE ACCESO A LA ADMINISTRACION DE JUSTICIA-Vulneraci\u00f3n Las compa\u00f1\u00edas demandadas han vulnerado el derecho que tiene la sociedad accionante de acceder a la administraci\u00f3n de justicia para la soluci\u00f3n del conflicto en que se encuentra involucrada, toda vez que se ha usado un medio de presi\u00f3n para obligarla de ...<br \/><div class=\"pt-cv-rmwrap\"><a href=\"https:\/\/www.dmsjuridica.com\/buscador_20179478954\/corteconstitucionalcronologico202454587\/t-199-95\/\" class=\"_self pt-cv-readmore btn btn-success\" target=\"_self\">Ver Sentencia Completa...<\/a><\/div><\/div><\/div><\/div>\n<div class=\"col-md-12 col-sm-12 col-xs-12 pt-cv-content-item pt-cv-1-col\" ><div class='pt-cv-ifield'><a href=\"https:\/\/www.dmsjuridica.com\/buscador_20179478954\/corteconstitucionalcronologico202454587\/t-198-95\/\" class=\"_self pt-cv-href-thumbnail pt-cv-thumb-default\" target=\"_self\" ><\/a>\n<div class=\"pt-cv-taxoterm above_title\"><a href='https:\/\/www.dmsjuridica.com\/buscador_20179478954\/corteconstitucionalcronologico202454587\/category\/buscar-en-toda-la-corte\/1995\/tutelas-1995\/' title='Tutelas 1995' class='pt-cv-tax-tutelas-1995'>Tutelas 1995<\/a><\/div>\n<h4 class=\"pt-cv-title\"><a href=\"https:\/\/www.dmsjuridica.com\/buscador_20179478954\/corteconstitucionalcronologico202454587\/t-198-95\/\" class=\"_self\" target=\"_self\" >T 198 95<\/a><\/h4>\n<div class=\"pt-cv-content\">T-198-95 Sentencia No. T-198\/95 MESADA PENSIONAL-Pago oportuno\/PARTIDA PRESUPUESTAL-Ejecuci\u00f3n\/DERECHOS DE PERSONA DE LA TERCERA EDAD-Protecci\u00f3n\/DERECHO A LA SUBSISTENCIA El Estado adquiere pues, el compromiso de garantizar el pago oportuno de las pensiones, para lo cual debe proveer en los respectivos presupuestos del orden nacional, departamental, distrital y municipal las partidas necesarias para atender de manera cumplida y satisfactoria su obligaci\u00f3n constitucional, especialmente cuando quienes se ven afectadas por el incumplimiento o la desidia de las autoridades estatales, son personas de la tercera edad, a quienes en cumplimiento de los dispuesto en el art\u00edculo constitucional, el Estado debe concurrir con la sociedad ...<br \/><div class=\"pt-cv-rmwrap\"><a href=\"https:\/\/www.dmsjuridica.com\/buscador_20179478954\/corteconstitucionalcronologico202454587\/t-198-95\/\" class=\"_self pt-cv-readmore btn btn-success\" target=\"_self\">Ver Sentencia Completa...<\/a><\/div><\/div><\/div><\/div>\n<div class=\"col-md-12 col-sm-12 col-xs-12 pt-cv-content-item pt-cv-1-col\" ><div class='pt-cv-ifield'><a href=\"https:\/\/www.dmsjuridica.com\/buscador_20179478954\/corteconstitucionalcronologico202454587\/t-197-95\/\" class=\"_self pt-cv-href-thumbnail pt-cv-thumb-default\" target=\"_self\" ><\/a>\n<div class=\"pt-cv-taxoterm above_title\"><a href='https:\/\/www.dmsjuridica.com\/buscador_20179478954\/corteconstitucionalcronologico202454587\/category\/buscar-en-toda-la-corte\/1995\/tutelas-1995\/' title='Tutelas 1995' class='pt-cv-tax-tutelas-1995'>Tutelas 1995<\/a><\/div>\n<h4 class=\"pt-cv-title\"><a href=\"https:\/\/www.dmsjuridica.com\/buscador_20179478954\/corteconstitucionalcronologico202454587\/t-197-95\/\" class=\"_self\" target=\"_self\" >T 197 95<\/a><\/h4>\n<div class=\"pt-cv-content\">T-197-95 Sentencia No. T-197\/95 PREVALENCIA DEL DERECHO SUSTANCIAL\/DEBIDO PROCESO\/VIA DE HECHO Es derecho sustancial aquel que no necesita de otro para subsistir, es decir, que existe en s\u00ed y no en otro; por oposici\u00f3n al derecho accidental, aquel que existe en funci\u00f3n de otro. La forma jur\u00eddica, en principio, es accidental, pero -se repite- puede llegar a sustancializarse cuando constituye una garant\u00eda necesaria para las personas. Ah\u00ed est\u00e1 el debido proceso, entendido como la garant\u00eda que tienen las partes de que sus pretensiones ser\u00e1n atendidas por la jurisdicci\u00f3n con objetividad e imparcialidad, se\u00f1alando previamente las reglas a cumplir, con el ...<br \/><div class=\"pt-cv-rmwrap\"><a href=\"https:\/\/www.dmsjuridica.com\/buscador_20179478954\/corteconstitucionalcronologico202454587\/t-197-95\/\" class=\"_self pt-cv-readmore btn btn-success\" target=\"_self\">Ver Sentencia Completa...<\/a><\/div><\/div><\/div><\/div>\n<div class=\"col-md-12 col-sm-12 col-xs-12 pt-cv-content-item pt-cv-1-col\" ><div class='pt-cv-ifield'><a href=\"https:\/\/www.dmsjuridica.com\/buscador_20179478954\/corteconstitucionalcronologico202454587\/t-196-95\/\" class=\"_self pt-cv-href-thumbnail pt-cv-thumb-default\" target=\"_self\" ><\/a>\n<div class=\"pt-cv-taxoterm above_title\"><a href='https:\/\/www.dmsjuridica.com\/buscador_20179478954\/corteconstitucionalcronologico202454587\/category\/buscar-en-toda-la-corte\/1995\/tutelas-1995\/' title='Tutelas 1995' class='pt-cv-tax-tutelas-1995'>Tutelas 1995<\/a><\/div>\n<h4 class=\"pt-cv-title\"><a href=\"https:\/\/www.dmsjuridica.com\/buscador_20179478954\/corteconstitucionalcronologico202454587\/t-196-95\/\" class=\"_self\" target=\"_self\" >T 196 95<\/a><\/h4>\n<div class=\"pt-cv-content\">T-196-95 Sentencia No. T-196\/95 PRINCIPIO NADIE PUEDE ALEGAR SU PROPIA CULPA La procedencia de la acci\u00f3n de tutela frente a las actuaciones de las autoridades p\u00fablicas o de los particulares, debe partir del supuesto de que el demandante no es responsable por la comisi\u00f3n de los hechos que constituyen la violaci\u00f3n o la amenaza de sus derechos fundamentales. Si el actor, por imprudencia, negligencia o voluntad propia ha permitido o facilitado que se ocurran determinados sucesos que de una forma u otra atentan contra sus derechos constitucionales fundamentales, no puede posteriormente aspirar a que el Estado, mediante la acci\u00f3n de ...<br \/><div class=\"pt-cv-rmwrap\"><a href=\"https:\/\/www.dmsjuridica.com\/buscador_20179478954\/corteconstitucionalcronologico202454587\/t-196-95\/\" class=\"_self pt-cv-readmore btn btn-success\" target=\"_self\">Ver Sentencia Completa...<\/a><\/div><\/div><\/div><\/div>\n<div class=\"col-md-12 col-sm-12 col-xs-12 pt-cv-content-item pt-cv-1-col\" ><div class='pt-cv-ifield'><a href=\"https:\/\/www.dmsjuridica.com\/buscador_20179478954\/corteconstitucionalcronologico202454587\/t-195-95\/\" class=\"_self pt-cv-href-thumbnail pt-cv-thumb-default\" target=\"_self\" ><\/a>\n<div class=\"pt-cv-taxoterm above_title\"><a href='https:\/\/www.dmsjuridica.com\/buscador_20179478954\/corteconstitucionalcronologico202454587\/category\/buscar-en-toda-la-corte\/1995\/tutelas-1995\/' title='Tutelas 1995' class='pt-cv-tax-tutelas-1995'>Tutelas 1995<\/a><\/div>\n<h4 class=\"pt-cv-title\"><a href=\"https:\/\/www.dmsjuridica.com\/buscador_20179478954\/corteconstitucionalcronologico202454587\/t-195-95\/\" class=\"_self\" target=\"_self\" >T 195 95<\/a><\/h4>\n<div class=\"pt-cv-content\">T-195-95 Sentencia No. T-195\/95 OBRA PUBLICA-Improcedencia de ejecuci\u00f3n La acci\u00f3n de tutela entendida como un procedimiento preferente y sumario, cuya protecci\u00f3n en caso de prosperar implica el pronunciamiento de \u00f3rdenes judiciales de inmediato cumplimiento, es improcedente en todos aquellos casos en que se busca obtener la ejecuci\u00f3n de una determinada obra p\u00fablica, como en el presente asunto, ya que estar\u00eda el juez a trav\u00e9s de su decisi\u00f3n, entrometi\u00e9ndose en materias de pol\u00edtica administrativa y llevando a un co-gobierno de la rama judicial, contrario al principio de separaci\u00f3n de funciones que consagra la Carta Pol\u00edtica. PARTIDA PRESUPUESTAL-Inclusi\u00f3n para construcci\u00f3n de puente ...<br \/><div class=\"pt-cv-rmwrap\"><a href=\"https:\/\/www.dmsjuridica.com\/buscador_20179478954\/corteconstitucionalcronologico202454587\/t-195-95\/\" class=\"_self pt-cv-readmore btn btn-success\" target=\"_self\">Ver Sentencia Completa...<\/a><\/div><\/div><\/div><\/div>\n<div class=\"col-md-12 col-sm-12 col-xs-12 pt-cv-content-item pt-cv-1-col\" ><div class='pt-cv-ifield'><a href=\"https:\/\/www.dmsjuridica.com\/buscador_20179478954\/corteconstitucionalcronologico202454587\/t-193-95\/\" class=\"_self pt-cv-href-thumbnail pt-cv-thumb-default\" target=\"_self\" ><\/a>\n<div class=\"pt-cv-taxoterm above_title\"><a href='https:\/\/www.dmsjuridica.com\/buscador_20179478954\/corteconstitucionalcronologico202454587\/category\/buscar-en-toda-la-corte\/1995\/tutelas-1995\/' title='Tutelas 1995' class='pt-cv-tax-tutelas-1995'>Tutelas 1995<\/a><\/div>\n<h4 class=\"pt-cv-title\"><a href=\"https:\/\/www.dmsjuridica.com\/buscador_20179478954\/corteconstitucionalcronologico202454587\/t-193-95\/\" class=\"_self\" target=\"_self\" >T 193 95<\/a><\/h4>\n<div class=\"pt-cv-content\">T-193-95 Sentencia No. T-193\/95 PERDIDA DE INVESTIDURA-Tr\u00e1mite Cuando el Constituyente de 1991 atribuy\u00f3 al Consejo de Estado la competencia para conocer de las solicitudes de privaci\u00f3n de la investidura de los Congresistas, y remiti\u00f3 a la ley para definir las formas propias de ese juicio, a falta de una norma especial posterior a la nueva Constituci\u00f3n y en presencia de normas preexistentes, hab\u00eda de entenderse que estas \u00faltimas continuaban rigiendo, a condici\u00f3n de no ser contrarias al Estatuto Superior. VIA DE HECHO-Inexistencia\/ACCION DE TUTELA CONTRA PROVIDENCIAS JUDICIALES-Improcedencia En el caso sometido a revisi\u00f3n, la actuaci\u00f3n del Consejo de Estado estuvo ...<br \/><div class=\"pt-cv-rmwrap\"><a href=\"https:\/\/www.dmsjuridica.com\/buscador_20179478954\/corteconstitucionalcronologico202454587\/t-193-95\/\" class=\"_self pt-cv-readmore btn btn-success\" target=\"_self\">Ver Sentencia Completa...<\/a><\/div><\/div><\/div><\/div>\n<div class=\"col-md-12 col-sm-12 col-xs-12 pt-cv-content-item pt-cv-1-col\" ><div class='pt-cv-ifield'><a href=\"https:\/\/www.dmsjuridica.com\/buscador_20179478954\/corteconstitucionalcronologico202454587\/t-192-95\/\" class=\"_self pt-cv-href-thumbnail pt-cv-thumb-default\" target=\"_self\" ><\/a>\n<div class=\"pt-cv-taxoterm above_title\"><a href='https:\/\/www.dmsjuridica.com\/buscador_20179478954\/corteconstitucionalcronologico202454587\/category\/buscar-en-toda-la-corte\/1995\/tutelas-1995\/' title='Tutelas 1995' class='pt-cv-tax-tutelas-1995'>Tutelas 1995<\/a><\/div>\n<h4 class=\"pt-cv-title\"><a href=\"https:\/\/www.dmsjuridica.com\/buscador_20179478954\/corteconstitucionalcronologico202454587\/t-192-95\/\" class=\"_self\" target=\"_self\" >T 192 95<\/a><\/h4>\n<div class=\"pt-cv-content\">T-192-95 Sentencia No. T-192\/95 ACCION DE TUTELA-Improcedencia por falta de pruebas No s\u00f3lo no se encuentran suficientemente probados los hechos que llevaron a los demandantes a interponer la acci\u00f3n de tutela, sino que en algunos casos se vieron desvirtuados y la mayor\u00eda de sus denuncias no pod\u00edan ser objeto de discusi\u00f3n dentro de un proceso de esta naturaleza. La acci\u00f3n de tutela est\u00e1 reservada exclusivamente a la protecci\u00f3n de derechos constitucionales fundamentales cuando su amparo mediante otros medios judiciales de defensa es imposible o ineficaz. Ref.: Expediente No. T-55619. Acci\u00f3n de tutela contra la profesora de una escuela rural por ...<br \/><div class=\"pt-cv-rmwrap\"><a href=\"https:\/\/www.dmsjuridica.com\/buscador_20179478954\/corteconstitucionalcronologico202454587\/t-192-95\/\" class=\"_self pt-cv-readmore btn btn-success\" target=\"_self\">Ver Sentencia Completa...<\/a><\/div><\/div><\/div><\/div>\n<div class=\"col-md-12 col-sm-12 col-xs-12 pt-cv-content-item pt-cv-1-col\" ><div class='pt-cv-ifield'><a href=\"https:\/\/www.dmsjuridica.com\/buscador_20179478954\/corteconstitucionalcronologico202454587\/t-191-95\/\" class=\"_self pt-cv-href-thumbnail pt-cv-thumb-default\" target=\"_self\" ><\/a>\n<div class=\"pt-cv-taxoterm above_title\"><a href='https:\/\/www.dmsjuridica.com\/buscador_20179478954\/corteconstitucionalcronologico202454587\/category\/buscar-en-toda-la-corte\/1995\/tutelas-1995\/' title='Tutelas 1995' class='pt-cv-tax-tutelas-1995'>Tutelas 1995<\/a><\/div>\n<h4 class=\"pt-cv-title\"><a href=\"https:\/\/www.dmsjuridica.com\/buscador_20179478954\/corteconstitucionalcronologico202454587\/t-191-95\/\" class=\"_self\" target=\"_self\" >T 191 95<\/a><\/h4>\n<div class=\"pt-cv-content\">T-191-95 302 Sentencia No. T-191\/95 DERECHO AL NOMBRE DEL NI\u00d1O\/DERECHO A LA FILIACION Toda persona -y en especial el ni\u00f1o- tiene derecho no solamente a llevar los apellidos de sus padres sino a obtener certeza sobre su filiaci\u00f3n, tanto paterna como materna, con el fin de reclamar su condici\u00f3n de hijo y para que se cumplan, en beneficio suyo, las obligaciones de sus progenitores. RECONOCIMIENTO DE HIJO El acto del reconocimiento se entiende como la expresi\u00f3n externa de la \u00edntima persuasi\u00f3n acerca de que se es el padre, no basada en la seguridad que ofrezca una prueba cient\u00edfica sino en ...<br \/><div class=\"pt-cv-rmwrap\"><a href=\"https:\/\/www.dmsjuridica.com\/buscador_20179478954\/corteconstitucionalcronologico202454587\/t-191-95\/\" class=\"_self pt-cv-readmore btn btn-success\" target=\"_self\">Ver Sentencia Completa...<\/a><\/div><\/div><\/div><\/div>\n<div class=\"col-md-12 col-sm-12 col-xs-12 pt-cv-content-item pt-cv-1-col\" ><div class='pt-cv-ifield'><a href=\"https:\/\/www.dmsjuridica.com\/buscador_20179478954\/corteconstitucionalcronologico202454587\/t-190-95\/\" class=\"_self pt-cv-href-thumbnail pt-cv-thumb-default\" target=\"_self\" ><\/a>\n<div class=\"pt-cv-taxoterm above_title\"><a href='https:\/\/www.dmsjuridica.com\/buscador_20179478954\/corteconstitucionalcronologico202454587\/category\/buscar-en-toda-la-corte\/1995\/tutelas-1995\/' title='Tutelas 1995' class='pt-cv-tax-tutelas-1995'>Tutelas 1995<\/a><\/div>\n<h4 class=\"pt-cv-title\"><a href=\"https:\/\/www.dmsjuridica.com\/buscador_20179478954\/corteconstitucionalcronologico202454587\/t-190-95\/\" class=\"_self\" target=\"_self\" >T 190 95<\/a><\/h4>\n<div class=\"pt-cv-content\">T-190-95 Sentencia No. T-190\/95 IMPUGNACION PARCIAL FALLO DE TUTELA El de impugnar las providencias mediante las cuales se resuelve acerca de acciones de tutela es un derecho de rango constitucional, reconocido a las partes que intervienen en el respectivo procedimiento, y, por ello, el acceso a la segunda instancia no est\u00e1 condicionado al cumplimiento de requisitos formales distintos al de hacer uso del recurso dentro del t\u00e9rmino dispuesto por la ley. La sentencia de tutela puede ser impugnada total o parcialmente, en ejercicio del mismo derecho de rango constitucional. La misma sentencia, en aquellas resoluciones que no aluden al asunto ...<br \/><div class=\"pt-cv-rmwrap\"><a href=\"https:\/\/www.dmsjuridica.com\/buscador_20179478954\/corteconstitucionalcronologico202454587\/t-190-95\/\" class=\"_self pt-cv-readmore btn btn-success\" target=\"_self\">Ver Sentencia Completa...<\/a><\/div><\/div><\/div><\/div>\n<div class=\"col-md-12 col-sm-12 col-xs-12 pt-cv-content-item pt-cv-1-col\" ><div class='pt-cv-ifield'><a href=\"https:\/\/www.dmsjuridica.com\/buscador_20179478954\/corteconstitucionalcronologico202454587\/t-189-95\/\" class=\"_self pt-cv-href-thumbnail pt-cv-thumb-default\" target=\"_self\" ><\/a>\n<div class=\"pt-cv-taxoterm above_title\"><a href='https:\/\/www.dmsjuridica.com\/buscador_20179478954\/corteconstitucionalcronologico202454587\/category\/buscar-en-toda-la-corte\/1995\/tutelas-1995\/' title='Tutelas 1995' class='pt-cv-tax-tutelas-1995'>Tutelas 1995<\/a><\/div>\n<h4 class=\"pt-cv-title\"><a href=\"https:\/\/www.dmsjuridica.com\/buscador_20179478954\/corteconstitucionalcronologico202454587\/t-189-95\/\" class=\"_self\" target=\"_self\" >T 189 95<\/a><\/h4>\n<div class=\"pt-cv-content\">T-189-95 Sentencia No. T-189\/95 REVOCACION DE ACTO ADMINISTRATIVO-Improcedencia\/INSTITUTO DE SEGUROS SOCIALES Cuando un acto administrativo reconoce un derecho como el de la pensi\u00f3n de vejez o jubilaci\u00f3n o una prestaci\u00f3n social o cualquier otro derecho en favor de un particular, dicho derecho no puede ser revocado ni desconocido unilateralmente por la misma entidad de previsi\u00f3n sin el consentimiento expreso y escrito de su beneficiario, porque ello atenta contra los derechos adquiridos. En consecuencia, creada una situaci\u00f3n jur\u00eddica individual, como la que se configur\u00f3 para la accionante en virtud de la Resoluci\u00f3n emanada del ISS, \u00e9sta es irrevocable unilateralmente por la ...<br \/><div class=\"pt-cv-rmwrap\"><a href=\"https:\/\/www.dmsjuridica.com\/buscador_20179478954\/corteconstitucionalcronologico202454587\/t-189-95\/\" class=\"_self pt-cv-readmore btn btn-success\" target=\"_self\">Ver Sentencia Completa...<\/a><\/div><\/div><\/div><\/div>\n<div class=\"col-md-12 col-sm-12 col-xs-12 pt-cv-content-item pt-cv-1-col\" ><div class='pt-cv-ifield'><a href=\"https:\/\/www.dmsjuridica.com\/buscador_20179478954\/corteconstitucionalcronologico202454587\/t-188-95\/\" class=\"_self pt-cv-href-thumbnail pt-cv-thumb-default\" target=\"_self\" ><\/a>\n<div class=\"pt-cv-taxoterm above_title\"><a href='https:\/\/www.dmsjuridica.com\/buscador_20179478954\/corteconstitucionalcronologico202454587\/category\/buscar-en-toda-la-corte\/1995\/tutelas-1995\/' title='Tutelas 1995' class='pt-cv-tax-tutelas-1995'>Tutelas 1995<\/a><\/div>\n<h4 class=\"pt-cv-title\"><a href=\"https:\/\/www.dmsjuridica.com\/buscador_20179478954\/corteconstitucionalcronologico202454587\/t-188-95\/\" class=\"_self\" target=\"_self\" >T 188 95<\/a><\/h4>\n<div class=\"pt-cv-content\">T-188-95 Sentencia No. T-188\/95 SENTENCIA LABORAL-Cumplimiento\/OBLIGACION DE HACER\/JURISDICCION LABORAL\/PROCESO EJECUTIVO LABORAL En trat\u00e1ndose de una obligaci\u00f3n de hacer, el mecanismo id\u00f3neo para que se ordene el reintegro de un trabajador es acudir a la jurisdicci\u00f3n laboral mediante el proceso ejecutivo laboral. MEDIO DE DEFENSA JUDICIAL Mal puede utilizarse la acci\u00f3n de tutela como alternativa para ventilar hechos litigiosos, que deben ser tramitados a trav\u00e9s de la justicia ordinaria laboral. Considera la Corporaci\u00f3n, que no est\u00e1 por dem\u00e1s hacer \u00e9nfasis en que los procesos ejecutivos laborales se caracterizan por su celeridad, ya que se tratan de juicios especiales, que son tan ...<br \/><div class=\"pt-cv-rmwrap\"><a href=\"https:\/\/www.dmsjuridica.com\/buscador_20179478954\/corteconstitucionalcronologico202454587\/t-188-95\/\" class=\"_self pt-cv-readmore btn btn-success\" target=\"_self\">Ver Sentencia Completa...<\/a><\/div><\/div><\/div><\/div>\n<div class=\"col-md-12 col-sm-12 col-xs-12 pt-cv-content-item pt-cv-1-col\" ><div class='pt-cv-ifield'><a href=\"https:\/\/www.dmsjuridica.com\/buscador_20179478954\/corteconstitucionalcronologico202454587\/t-187-95\/\" class=\"_self pt-cv-href-thumbnail pt-cv-thumb-default\" target=\"_self\" ><\/a>\n<div class=\"pt-cv-taxoterm above_title\"><a href='https:\/\/www.dmsjuridica.com\/buscador_20179478954\/corteconstitucionalcronologico202454587\/category\/buscar-en-toda-la-corte\/1995\/tutelas-1995\/' title='Tutelas 1995' class='pt-cv-tax-tutelas-1995'>Tutelas 1995<\/a><\/div>\n<h4 class=\"pt-cv-title\"><a href=\"https:\/\/www.dmsjuridica.com\/buscador_20179478954\/corteconstitucionalcronologico202454587\/t-187-95\/\" class=\"_self\" target=\"_self\" >T 187 95<\/a><\/h4>\n<div class=\"pt-cv-content\">T-187-95 Sentencia No. T-187\/95 DERECHO DE PETICION-Pronta resoluci\u00f3n\/DERECHO DE PETICION-Contenido\/TRASLADO DE INTERNO\/INSTITUTO NACIONAL PENITENCIARIO Y CARCELARIO-Demora en resolver peticiones El derecho de petici\u00f3n no agota su contenido en la simple posibilidad de dirigirse a las autoridades p\u00fablicas, en inter\u00e9s particular o general, sino que, adicionalmente, implica la obtenci\u00f3n de una resoluci\u00f3n que, seg\u00fan los t\u00e9rminos de la Carta, debe ser pronta. De ah\u00ed que la autoridad p\u00fablica incumple con sus obligaciones cuando se limita a expedir constancias de que la solicitud fue recibida o radicada y, m\u00e1s a\u00fan, cuando demora m\u00e1s all\u00e1 del t\u00e9rmino previsto o razonable la decisi\u00f3n del ...<br \/><div class=\"pt-cv-rmwrap\"><a href=\"https:\/\/www.dmsjuridica.com\/buscador_20179478954\/corteconstitucionalcronologico202454587\/t-187-95\/\" class=\"_self pt-cv-readmore btn btn-success\" target=\"_self\">Ver Sentencia Completa...<\/a><\/div><\/div><\/div><\/div>\n<div class=\"col-md-12 col-sm-12 col-xs-12 pt-cv-content-item pt-cv-1-col\" ><div class='pt-cv-ifield'><a href=\"https:\/\/www.dmsjuridica.com\/buscador_20179478954\/corteconstitucionalcronologico202454587\/t-186-95\/\" class=\"_self pt-cv-href-thumbnail pt-cv-thumb-default\" target=\"_self\" ><\/a>\n<div class=\"pt-cv-taxoterm above_title\"><a href='https:\/\/www.dmsjuridica.com\/buscador_20179478954\/corteconstitucionalcronologico202454587\/category\/buscar-en-toda-la-corte\/1995\/tutelas-1995\/' title='Tutelas 1995' class='pt-cv-tax-tutelas-1995'>Tutelas 1995<\/a><\/div>\n<h4 class=\"pt-cv-title\"><a href=\"https:\/\/www.dmsjuridica.com\/buscador_20179478954\/corteconstitucionalcronologico202454587\/t-186-95\/\" class=\"_self\" target=\"_self\" >T 186 95<\/a><\/h4>\n<div class=\"pt-cv-content\">T-186-95 Sentencia No. T-186\/95 ACCION DE TUTELA-Cesaci\u00f3n\/ACCION DE TUTELA-Sustracci\u00f3n de materia En el asunto que se examina hay sustracci\u00f3n de materia por carencia actual de objeto, por lo tanto las pretensiones consistentes en la desvinculaci\u00f3n del Batall\u00f3n o el otorgamiento de permisos para trabajar no son posibles, por cuanto a la fecha de esta providencia ya no se encuentra prestando el servicio militar. REF.: Expediente No. T- 57.956 PETICIONARIO: CLAUDIA PATRICIA RODRIGUEZ RODRIGUEZ contra la CUARTA BRIGADA - BATALLON No. 4 BUENOS AIRES Medell\u00edn. TEMA: FAMILIA. MAGISTRADO PONENTE : Dr. HERNANDO HERRERA VERGARA Santa Fe de Bogot\u00e1, abril 26 de ...<br \/><div class=\"pt-cv-rmwrap\"><a href=\"https:\/\/www.dmsjuridica.com\/buscador_20179478954\/corteconstitucionalcronologico202454587\/t-186-95\/\" class=\"_self pt-cv-readmore btn btn-success\" target=\"_self\">Ver Sentencia Completa...<\/a><\/div><\/div><\/div><\/div>\n<div class=\"col-md-12 col-sm-12 col-xs-12 pt-cv-content-item pt-cv-1-col\" ><div class='pt-cv-ifield'><a href=\"https:\/\/www.dmsjuridica.com\/buscador_20179478954\/corteconstitucionalcronologico202454587\/t-185-95\/\" class=\"_self pt-cv-href-thumbnail pt-cv-thumb-default\" target=\"_self\" ><\/a>\n<div class=\"pt-cv-taxoterm above_title\"><a href='https:\/\/www.dmsjuridica.com\/buscador_20179478954\/corteconstitucionalcronologico202454587\/category\/buscar-en-toda-la-corte\/1995\/tutelas-1995\/' title='Tutelas 1995' class='pt-cv-tax-tutelas-1995'>Tutelas 1995<\/a><\/div>\n<h4 class=\"pt-cv-title\"><a href=\"https:\/\/www.dmsjuridica.com\/buscador_20179478954\/corteconstitucionalcronologico202454587\/t-185-95\/\" class=\"_self\" target=\"_self\" >T 185 95<\/a><\/h4>\n<div class=\"pt-cv-content\">T-185-95 Sentencia No. T-185\/95 PERSONA JURIDICA PUBLICA-Titularidad\/DEBIDO PROCESO No cabe duda acerca de que la titularidad del derecho que el art\u00edculo 29 de la Constituci\u00f3n Pol\u00edtica contempla, corresponde a todas las personas naturales o jur\u00eddicas y en este \u00faltimo evento, privadas o p\u00fablicas que, conforme a lo dispuesto por el ordenamiento, tengan capacidad para ser parte dentro de un proceso. As\u00ed pues, fuerza concluir que la titularidad del derecho fundamental al debido proceso deriva de la capacidad que tienen las personas jur\u00eddicas de derecho p\u00fablico para ser parte en los procesos judiciales m\u00e1xime si los intereses en juego en ocasiones ...<br \/><div class=\"pt-cv-rmwrap\"><a href=\"https:\/\/www.dmsjuridica.com\/buscador_20179478954\/corteconstitucionalcronologico202454587\/t-185-95\/\" class=\"_self pt-cv-readmore btn btn-success\" target=\"_self\">Ver Sentencia Completa...<\/a><\/div><\/div><\/div><\/div>\n<div class=\"col-md-12 col-sm-12 col-xs-12 pt-cv-content-item pt-cv-1-col\" ><div class='pt-cv-ifield'><a href=\"https:\/\/www.dmsjuridica.com\/buscador_20179478954\/corteconstitucionalcronologico202454587\/t-184-95\/\" class=\"_self pt-cv-href-thumbnail pt-cv-thumb-default\" target=\"_self\" ><\/a>\n<div class=\"pt-cv-taxoterm above_title\"><a href='https:\/\/www.dmsjuridica.com\/buscador_20179478954\/corteconstitucionalcronologico202454587\/category\/buscar-en-toda-la-corte\/1995\/tutelas-1995\/' title='Tutelas 1995' class='pt-cv-tax-tutelas-1995'>Tutelas 1995<\/a><\/div>\n<h4 class=\"pt-cv-title\"><a href=\"https:\/\/www.dmsjuridica.com\/buscador_20179478954\/corteconstitucionalcronologico202454587\/t-184-95\/\" class=\"_self\" target=\"_self\" >T 184 95<\/a><\/h4>\n<div class=\"pt-cv-content\">T-184-95 Sentencia No. T-184\/95 DERECHO A LA SALUD-Intervenci\u00f3n quir\u00fargica\/AUTORIDAD PUBLICA-Omisi\u00f3n de atenci\u00f3n m\u00e9dica En relaci\u00f3n con la vulneraci\u00f3n de los derechos fundamentales a la salud y seguridad social, encuentra la Corte como lo hicieron los jueces de tutela de instancia, que es innegable la falta de asistencia m\u00e9dica a la que se encontraba sometida la accionante por parte de la Alcald\u00eda Municipal en su condici\u00f3n de empleador, lo cual le produc\u00eda a la peticionaria cada d\u00eda un desmejoramiento progresivo de su salud, conduci\u00e9ndola no s\u00f3lo a una existencia angustiosa, sino adem\u00e1s a una negaci\u00f3n de sus derechos, especialmente cuando se ...<br \/><div class=\"pt-cv-rmwrap\"><a href=\"https:\/\/www.dmsjuridica.com\/buscador_20179478954\/corteconstitucionalcronologico202454587\/t-184-95\/\" class=\"_self pt-cv-readmore btn btn-success\" target=\"_self\">Ver Sentencia Completa...<\/a><\/div><\/div><\/div><\/div>\n<div class=\"col-md-12 col-sm-12 col-xs-12 pt-cv-content-item pt-cv-1-col\" ><div class='pt-cv-ifield'><a href=\"https:\/\/www.dmsjuridica.com\/buscador_20179478954\/corteconstitucionalcronologico202454587\/t-183-95\/\" class=\"_self pt-cv-href-thumbnail pt-cv-thumb-default\" target=\"_self\" ><\/a>\n<div class=\"pt-cv-taxoterm above_title\"><a href='https:\/\/www.dmsjuridica.com\/buscador_20179478954\/corteconstitucionalcronologico202454587\/category\/buscar-en-toda-la-corte\/1995\/tutelas-1995\/' title='Tutelas 1995' class='pt-cv-tax-tutelas-1995'>Tutelas 1995<\/a><\/div>\n<h4 class=\"pt-cv-title\"><a href=\"https:\/\/www.dmsjuridica.com\/buscador_20179478954\/corteconstitucionalcronologico202454587\/t-183-95\/\" class=\"_self\" target=\"_self\" >T 183 95<\/a><\/h4>\n<div class=\"pt-cv-content\">T-183-95 Sentencia No. T-183\/95 La acci\u00f3n de tutela no expresa claramente \"la acci\u00f3n o la omisi\u00f3n que la motiva\". M\u00e1s a\u00fan, ni siquiera con una claridad inferior en grado a la que exige la norma. Raz\u00f3n por la cual el juez de instancia orden\u00f3 mediante providencia, oficiar a la accionante, \"para que en el t\u00e9rmino de 2 d\u00edas y de conformidad con el art\u00edculo 14 del Decreto 2591 de 1991, precise los hechos en que fundamenta su acci\u00f3n\". Auto que fue desatendido por la accionante al no precisar, en la causa, lo solicitado. Este hecho, impon\u00eda al juez de instancia, ...<br \/><div class=\"pt-cv-rmwrap\"><a href=\"https:\/\/www.dmsjuridica.com\/buscador_20179478954\/corteconstitucionalcronologico202454587\/t-183-95\/\" class=\"_self pt-cv-readmore btn btn-success\" target=\"_self\">Ver Sentencia Completa...<\/a><\/div><\/div><\/div><\/div>\n<div class=\"col-md-12 col-sm-12 col-xs-12 pt-cv-content-item pt-cv-1-col\" ><div class='pt-cv-ifield'><a href=\"https:\/\/www.dmsjuridica.com\/buscador_20179478954\/corteconstitucionalcronologico202454587\/t-182-95\/\" class=\"_self pt-cv-href-thumbnail pt-cv-thumb-default\" target=\"_self\" ><\/a>\n<div class=\"pt-cv-taxoterm above_title\"><a href='https:\/\/www.dmsjuridica.com\/buscador_20179478954\/corteconstitucionalcronologico202454587\/category\/buscar-en-toda-la-corte\/1995\/tutelas-1995\/' title='Tutelas 1995' class='pt-cv-tax-tutelas-1995'>Tutelas 1995<\/a><\/div>\n<h4 class=\"pt-cv-title\"><a href=\"https:\/\/www.dmsjuridica.com\/buscador_20179478954\/corteconstitucionalcronologico202454587\/t-182-95\/\" class=\"_self\" target=\"_self\" >T 182 95<\/a><\/h4>\n<div class=\"pt-cv-content\">T-182-95 Sentencia No. T-182\/95 DERECHO AL SUFRAGIO-Residentes en el lugar\/ELECCIONES LOCALES\/CENSO ELECTORAL-Inscripciones Sin pretender desvirtuar la legalidad de la actuaci\u00f3n que se impugna en casos concretos, pues, lo cierto es que, como lo pudo comprobar el despacho de instancia, las personas que ejercen en este caso la acci\u00f3n de tutela, y que reciben el amparo tutelar, son todas vecinas y residentes del Municipio y como tales cumplen con la condici\u00f3n constitucional de ser residentes en el lugar en el cual se celebrar\u00edan las elecciones locales para las cuales se inscribieron por no hacer parte del censo electoral formado, sin que ...<br \/><div class=\"pt-cv-rmwrap\"><a href=\"https:\/\/www.dmsjuridica.com\/buscador_20179478954\/corteconstitucionalcronologico202454587\/t-182-95\/\" class=\"_self pt-cv-readmore btn btn-success\" target=\"_self\">Ver Sentencia Completa...<\/a><\/div><\/div><\/div><\/div>\n<div class=\"col-md-12 col-sm-12 col-xs-12 pt-cv-content-item pt-cv-1-col\" ><div class='pt-cv-ifield'><a href=\"https:\/\/www.dmsjuridica.com\/buscador_20179478954\/corteconstitucionalcronologico202454587\/t-181-95\/\" class=\"_self pt-cv-href-thumbnail pt-cv-thumb-default\" target=\"_self\" ><\/a>\n<div class=\"pt-cv-taxoterm above_title\"><a href='https:\/\/www.dmsjuridica.com\/buscador_20179478954\/corteconstitucionalcronologico202454587\/category\/buscar-en-toda-la-corte\/1995\/tutelas-1995\/' title='Tutelas 1995' class='pt-cv-tax-tutelas-1995'>Tutelas 1995<\/a><\/div>\n<h4 class=\"pt-cv-title\"><a href=\"https:\/\/www.dmsjuridica.com\/buscador_20179478954\/corteconstitucionalcronologico202454587\/t-181-95\/\" class=\"_self\" target=\"_self\" >T 181 95<\/a><\/h4>\n<div class=\"pt-cv-content\">T-181-95 Sentencia No. T-181\/95 MALTRATO CONYUGAL\/MALTRATO A MENOR\/PRESUNCION DE INDEFENSION\/DERECHO A LA VIDA\/DERECHO A LA INTEGRIDAD PERSONAL REF: EXPEDIENTE T-56099 Peticionaria: Cruz Mar\u00eda Sotelo Procedencia: Juzgado Quince Penal del Circuito de Santaf\u00e9 de Bogot\u00e1. Magistrado Ponente: ALEJANDRO MARTINEZ CABALLERO Santa Fe de Bogot\u00e1 D.C., (25) de abril de mil novecientos noventa y cinco (1995). La Sala S\u00e9ptima de Revisi\u00f3n de la Corte Constitucional, integrada por los Magistrados Alejandro Mart\u00ednez Caballero, Fabio Mor\u00f3n D\u00edaz y Vladimiro Naranjo Mesa, EN NOMBRE DEL PUEBLO Y POR MANDATO DE LA CONSTITUCION Ha pronunciado la siguiente SENTENCIA En el proceso de tutela identificado con el ...<br \/><div class=\"pt-cv-rmwrap\"><a href=\"https:\/\/www.dmsjuridica.com\/buscador_20179478954\/corteconstitucionalcronologico202454587\/t-181-95\/\" class=\"_self pt-cv-readmore btn btn-success\" target=\"_self\">Ver Sentencia Completa...<\/a><\/div><\/div><\/div><\/div>\n<div class=\"col-md-12 col-sm-12 col-xs-12 pt-cv-content-item pt-cv-1-col\" ><div class='pt-cv-ifield'><a href=\"https:\/\/www.dmsjuridica.com\/buscador_20179478954\/corteconstitucionalcronologico202454587\/t-177-95\/\" class=\"_self pt-cv-href-thumbnail pt-cv-thumb-default\" target=\"_self\" ><\/a>\n<div class=\"pt-cv-taxoterm above_title\"><a href='https:\/\/www.dmsjuridica.com\/buscador_20179478954\/corteconstitucionalcronologico202454587\/category\/buscar-en-toda-la-corte\/1995\/tutelas-1995\/' title='Tutelas 1995' class='pt-cv-tax-tutelas-1995'>Tutelas 1995<\/a><\/div>\n<h4 class=\"pt-cv-title\"><a href=\"https:\/\/www.dmsjuridica.com\/buscador_20179478954\/corteconstitucionalcronologico202454587\/t-177-95\/\" class=\"_self\" target=\"_self\" >T 177 95<\/a><\/h4>\n<div class=\"pt-cv-content\">T-177-95 Sentencia No. T-177\/95 INMUEBLES-Oposici\u00f3n a la entrega\/MEDIO DE DEFENSA JUDICIAL Nuestras normas procesales s\u00ed prev\u00e9n la manera de resolver oposiciones a la entrega de bienes cuando \u00e9stas, como en el caso que nos ocupa, han sido en principio aceptadas por la autoridad comisionada. En consecuencia, existiendo otro medio de defensa judicial para insistir en la entrega del inmueble, la acci\u00f3n de tutela propuesta por peticionario, con arreglo al principio de subsidiariedad consagrado en el inciso 3o. del art\u00edculo 86 de la Constituci\u00f3n, y tal cual lo determin\u00f3 la Sentencia que se revisa, no est\u00e1 llamada a prosperar. AUTO ILEGAL-Improcedencia ...<br \/><div class=\"pt-cv-rmwrap\"><a href=\"https:\/\/www.dmsjuridica.com\/buscador_20179478954\/corteconstitucionalcronologico202454587\/t-177-95\/\" class=\"_self pt-cv-readmore btn btn-success\" target=\"_self\">Ver Sentencia Completa...<\/a><\/div><\/div><\/div><\/div>\n<div class=\"col-md-12 col-sm-12 col-xs-12 pt-cv-content-item pt-cv-1-col\" ><div class='pt-cv-ifield'><a href=\"https:\/\/www.dmsjuridica.com\/buscador_20179478954\/corteconstitucionalcronologico202454587\/t-176-95\/\" class=\"_self pt-cv-href-thumbnail pt-cv-thumb-default\" target=\"_self\" ><\/a>\n<div class=\"pt-cv-taxoterm above_title\"><a href='https:\/\/www.dmsjuridica.com\/buscador_20179478954\/corteconstitucionalcronologico202454587\/category\/buscar-en-toda-la-corte\/1995\/tutelas-1995\/' title='Tutelas 1995' class='pt-cv-tax-tutelas-1995'>Tutelas 1995<\/a><\/div>\n<h4 class=\"pt-cv-title\"><a href=\"https:\/\/www.dmsjuridica.com\/buscador_20179478954\/corteconstitucionalcronologico202454587\/t-176-95\/\" class=\"_self\" target=\"_self\" >T 176 95<\/a><\/h4>\n<div class=\"pt-cv-content\">T-176-95 Sentencia No. T-176\/95 HABEAS DATA-Vulneraci\u00f3n Para que exista una vulneraci\u00f3n del derecho al habeas data, la informaci\u00f3n contenida en el archivo debe haber sido recogida de manera ilegal, sin el consentimiento del titular del dato (i), ser err\u00f3nea (ii) o recaer sobre aspectos \u00edntimos de la vida de su titular no susceptibles de ser conocidos p\u00fablicamente (iii). CADUCIDAD DEL DATO-L\u00edmite temporal Se han establecido, de manera provisional, unos l\u00edmites a la permanencia del dato en los archivos, en el entendido de que la reglamentaci\u00f3n del habeas data es facultad del legislador. A juicio de esta Corporaci\u00f3n, la mala conducta ...<br \/><div class=\"pt-cv-rmwrap\"><a href=\"https:\/\/www.dmsjuridica.com\/buscador_20179478954\/corteconstitucionalcronologico202454587\/t-176-95\/\" class=\"_self pt-cv-readmore btn btn-success\" target=\"_self\">Ver Sentencia Completa...<\/a><\/div><\/div><\/div><\/div>\n<div class=\"col-md-12 col-sm-12 col-xs-12 pt-cv-content-item pt-cv-1-col\" ><div class='pt-cv-ifield'><a href=\"https:\/\/www.dmsjuridica.com\/buscador_20179478954\/corteconstitucionalcronologico202454587\/t-175-95\/\" class=\"_self pt-cv-href-thumbnail pt-cv-thumb-default\" target=\"_self\" ><\/a>\n<div class=\"pt-cv-taxoterm above_title\"><a href='https:\/\/www.dmsjuridica.com\/buscador_20179478954\/corteconstitucionalcronologico202454587\/category\/buscar-en-toda-la-corte\/1995\/tutelas-1995\/' title='Tutelas 1995' class='pt-cv-tax-tutelas-1995'>Tutelas 1995<\/a><\/div>\n<h4 class=\"pt-cv-title\"><a href=\"https:\/\/www.dmsjuridica.com\/buscador_20179478954\/corteconstitucionalcronologico202454587\/t-175-95\/\" class=\"_self\" target=\"_self\" >T 175 95<\/a><\/h4>\n<div class=\"pt-cv-content\">T-175-95 Sentencia No. T-175\/95 ACCION DE TUTELA-Falta de pruebas\/DERECHO A LA SALUD-No se demostr\u00f3 violaci\u00f3n No puede un juez conceder una tutela si en el respectivo proceso no aparece probada la violaci\u00f3n concreta a un derecho fundamental. Los hechos acreditados en el expediente simplemente aluden a un fen\u00f3meno de estancamiento temporal de aguas producido en una v\u00eda p\u00fablica por no haberse, en su oportunidad, esparcido el balastro que se hab\u00eda dejado all\u00ed por el contratista de una obra de pavimentaci\u00f3n, a la postre concluida. La prueba practicada estableci\u00f3 la inexistencia de focos infecciosos y la probabilidad de que en el ...<br \/><div class=\"pt-cv-rmwrap\"><a href=\"https:\/\/www.dmsjuridica.com\/buscador_20179478954\/corteconstitucionalcronologico202454587\/t-175-95\/\" class=\"_self pt-cv-readmore btn btn-success\" target=\"_self\">Ver Sentencia Completa...<\/a><\/div><\/div><\/div><\/div>\n<div class=\"col-md-12 col-sm-12 col-xs-12 pt-cv-content-item pt-cv-1-col\" ><div class='pt-cv-ifield'><a href=\"https:\/\/www.dmsjuridica.com\/buscador_20179478954\/corteconstitucionalcronologico202454587\/t-174-95\/\" class=\"_self pt-cv-href-thumbnail pt-cv-thumb-default\" target=\"_self\" ><\/a>\n<div class=\"pt-cv-taxoterm above_title\"><a href='https:\/\/www.dmsjuridica.com\/buscador_20179478954\/corteconstitucionalcronologico202454587\/category\/buscar-en-toda-la-corte\/1995\/tutelas-1995\/' title='Tutelas 1995' class='pt-cv-tax-tutelas-1995'>Tutelas 1995<\/a><\/div>\n<h4 class=\"pt-cv-title\"><a href=\"https:\/\/www.dmsjuridica.com\/buscador_20179478954\/corteconstitucionalcronologico202454587\/t-174-95\/\" class=\"_self\" target=\"_self\" >T 174 95<\/a><\/h4>\n<div class=\"pt-cv-content\">T-174-95 Sentencia No. T-174\/95 PERJUICIO-Improcedencia de su pago La Corte encuentra acertada la decisi\u00f3n del juzgador de instancia de abstenerse de condenar al pago de perjuicios a los demandados mediante el proceso de tutela, ya que \u00e9sta no es la v\u00eda procesal dispuesta por la ley para determinar la responsabilidad que corresponde a las personas a cuyo cargo est\u00e1n los dementes, sino el proceso civil ordinario. La Sentencia resarcitoria, cabe reiterarlo en esta oportunidad, es eminentemente excepcional en materia del proceso de tutela, y su reconocimiento est\u00e1 sujeto a que el afectado no disponga de otro medio judicial, y la ...<br \/><div class=\"pt-cv-rmwrap\"><a href=\"https:\/\/www.dmsjuridica.com\/buscador_20179478954\/corteconstitucionalcronologico202454587\/t-174-95\/\" class=\"_self pt-cv-readmore btn btn-success\" target=\"_self\">Ver Sentencia Completa...<\/a><\/div><\/div><\/div><\/div>\n<div class=\"col-md-12 col-sm-12 col-xs-12 pt-cv-content-item pt-cv-1-col\" ><div class='pt-cv-ifield'><a href=\"https:\/\/www.dmsjuridica.com\/buscador_20179478954\/corteconstitucionalcronologico202454587\/t-173-95\/\" class=\"_self pt-cv-href-thumbnail pt-cv-thumb-default\" target=\"_self\" ><\/a>\n<div class=\"pt-cv-taxoterm above_title\"><a href='https:\/\/www.dmsjuridica.com\/buscador_20179478954\/corteconstitucionalcronologico202454587\/category\/buscar-en-toda-la-corte\/1995\/tutelas-1995\/' title='Tutelas 1995' class='pt-cv-tax-tutelas-1995'>Tutelas 1995<\/a><\/div>\n<h4 class=\"pt-cv-title\"><a href=\"https:\/\/www.dmsjuridica.com\/buscador_20179478954\/corteconstitucionalcronologico202454587\/t-173-95\/\" class=\"_self\" target=\"_self\" >T 173 95<\/a><\/h4>\n<div class=\"pt-cv-content\">T-173-95 Sentencia No. T-173\/95 DERECHO DE ASOCIACION SINDICAL Si bien las asociaciones sindicales defienden los intereses de los trabajadores afiliados, su papel preponderante en las relaciones obrero-patronales hace que su actuaci\u00f3n afecte de manera decisiva el goce efectivo del derecho de todos los trabajadores (afiliados y no afiliados) a promover el mejoramiento de sus condiciones laborales. Es por esta raz\u00f3n por la que el ordenamiento jur\u00eddico no puede ser indiferente frente a las condiciones de funcionamiento de organizaciones de esa naturaleza, mucho m\u00e1s cuando est\u00e1 fundado en valores de participaci\u00f3n y pluralismo. En el ejercicio de su fuero interno, un ...<br \/><div class=\"pt-cv-rmwrap\"><a href=\"https:\/\/www.dmsjuridica.com\/buscador_20179478954\/corteconstitucionalcronologico202454587\/t-173-95\/\" class=\"_self pt-cv-readmore btn btn-success\" target=\"_self\">Ver Sentencia Completa...<\/a><\/div><\/div><\/div><\/div>\n<div class=\"col-md-12 col-sm-12 col-xs-12 pt-cv-content-item pt-cv-1-col\" ><div class='pt-cv-ifield'><a href=\"https:\/\/www.dmsjuridica.com\/buscador_20179478954\/corteconstitucionalcronologico202454587\/t-172-95\/\" class=\"_self pt-cv-href-thumbnail pt-cv-thumb-default\" target=\"_self\" ><\/a>\n<div class=\"pt-cv-taxoterm above_title\"><a href='https:\/\/www.dmsjuridica.com\/buscador_20179478954\/corteconstitucionalcronologico202454587\/category\/buscar-en-toda-la-corte\/1995\/tutelas-1995\/' title='Tutelas 1995' class='pt-cv-tax-tutelas-1995'>Tutelas 1995<\/a><\/div>\n<h4 class=\"pt-cv-title\"><a href=\"https:\/\/www.dmsjuridica.com\/buscador_20179478954\/corteconstitucionalcronologico202454587\/t-172-95\/\" class=\"_self\" target=\"_self\" >T 172 95<\/a><\/h4>\n<div class=\"pt-cv-content\">T-172-95 Sentencia No. T-172\/95 DERECHO A LA POSESION-No fundamental\/PROCESO REIVINDICATORIO\/VIA DE HECHO-Inexistencia\/MEDIO DE DEFENSA JUDICIAL El hecho de que una persona se comporte como se\u00f1or y due\u00f1o de un bien, sea o no de su propiedad, lo reconoce la ley colombiana como generador de consecuencias jur\u00eddicas y lo protege bajo la denominaci\u00f3n de posesi\u00f3n; pero, no es uno de los derechos consagrados por el Constituyente de 1991 como fundamental. La promotora de la presente acci\u00f3n de tutela contaba con el proceso ordinario reinvindicatorio para atender a la defensa del derecho que pretendi\u00f3 reclamar ante el Inspector de Polic\u00eda. La acci\u00f3n ...<br \/><div class=\"pt-cv-rmwrap\"><a href=\"https:\/\/www.dmsjuridica.com\/buscador_20179478954\/corteconstitucionalcronologico202454587\/t-172-95\/\" class=\"_self pt-cv-readmore btn btn-success\" target=\"_self\">Ver Sentencia Completa...<\/a><\/div><\/div><\/div><\/div>\n<div class=\"col-md-12 col-sm-12 col-xs-12 pt-cv-content-item pt-cv-1-col\" ><div class='pt-cv-ifield'><a href=\"https:\/\/www.dmsjuridica.com\/buscador_20179478954\/corteconstitucionalcronologico202454587\/t-171-95\/\" class=\"_self pt-cv-href-thumbnail pt-cv-thumb-default\" target=\"_self\" ><\/a>\n<div class=\"pt-cv-taxoterm above_title\"><a href='https:\/\/www.dmsjuridica.com\/buscador_20179478954\/corteconstitucionalcronologico202454587\/category\/buscar-en-toda-la-corte\/1995\/tutelas-1995\/' title='Tutelas 1995' class='pt-cv-tax-tutelas-1995'>Tutelas 1995<\/a><\/div>\n<h4 class=\"pt-cv-title\"><a href=\"https:\/\/www.dmsjuridica.com\/buscador_20179478954\/corteconstitucionalcronologico202454587\/t-171-95\/\" class=\"_self\" target=\"_self\" >T 171 95<\/a><\/h4>\n<div class=\"pt-cv-content\">T-171-95 Sentencia No. T-171\/95 DERECHO A LA PROPIEDAD\/ACCION DE TUTELA-Improcedencia\/INSTITUTO COLOMBIANO DE LA REFORMA AGRARIA-Compra de predio El derecho a la propiedad no es en s\u00ed mismo un derecho fundamental, se requiere que otros derechos, consagrados como tales resulten afectados directamente con la vulneraci\u00f3n del derecho a la propiedad para que proceda la tutela, y no se dan esos supuestos en el caso que la Sala revisa. Es claro que no se ha vulnerado ni amenazado ning\u00fan derecho fundamental al peticionario y, por tanto, la acci\u00f3n de tutela no es procedente. CONDENA EN PERJUICIOS-Improcedencia La condena en perjuicios no es ...<br \/><div class=\"pt-cv-rmwrap\"><a href=\"https:\/\/www.dmsjuridica.com\/buscador_20179478954\/corteconstitucionalcronologico202454587\/t-171-95\/\" class=\"_self pt-cv-readmore btn btn-success\" target=\"_self\">Ver Sentencia Completa...<\/a><\/div><\/div><\/div><\/div>\n<div class=\"col-md-12 col-sm-12 col-xs-12 pt-cv-content-item pt-cv-1-col\" ><div class='pt-cv-ifield'><a href=\"https:\/\/www.dmsjuridica.com\/buscador_20179478954\/corteconstitucionalcronologico202454587\/t-165-95\/\" class=\"_self pt-cv-href-thumbnail pt-cv-thumb-default\" target=\"_self\" ><\/a>\n<div class=\"pt-cv-taxoterm above_title\"><a href='https:\/\/www.dmsjuridica.com\/buscador_20179478954\/corteconstitucionalcronologico202454587\/category\/buscar-en-toda-la-corte\/1995\/tutelas-1995\/' title='Tutelas 1995' class='pt-cv-tax-tutelas-1995'>Tutelas 1995<\/a><\/div>\n<h4 class=\"pt-cv-title\"><a href=\"https:\/\/www.dmsjuridica.com\/buscador_20179478954\/corteconstitucionalcronologico202454587\/t-165-95\/\" class=\"_self\" target=\"_self\" >T 165 95<\/a><\/h4>\n<div class=\"pt-cv-content\">T-165-95 Sentencia No. T-165\/95 DERECHO A LA VIDA-Protecci\u00f3n Siempre que la vida humana se vea afectada, en su n\u00facleo esencial, mediante lesi\u00f3n o amenaza inminente y grave, el Estado social deber\u00e1 proteger de inmediato al afectado, a quien le reconoce su dimensi\u00f3n inviolable. As\u00ed el orden jur\u00eddico total se encuentra al servicio de la persona, que es el fin del derecho. Con mayor raz\u00f3n debe ser prevalente trat\u00e1ndose de la vida de un ni\u00f1o. DERECHO A LA VIDA DEL NI\u00d1O-Prevalencia Es, pues, por la indefensi\u00f3n del menor que sus derechos prevalecen, es decir, que se les anticipa la protecci\u00f3n, dado ...<br \/><div class=\"pt-cv-rmwrap\"><a href=\"https:\/\/www.dmsjuridica.com\/buscador_20179478954\/corteconstitucionalcronologico202454587\/t-165-95\/\" class=\"_self pt-cv-readmore btn btn-success\" target=\"_self\">Ver Sentencia Completa...<\/a><\/div><\/div><\/div><\/div>\n<div class=\"col-md-12 col-sm-12 col-xs-12 pt-cv-content-item pt-cv-1-col\" ><div class='pt-cv-ifield'><a href=\"https:\/\/www.dmsjuridica.com\/buscador_20179478954\/corteconstitucionalcronologico202454587\/t-164-95\/\" class=\"_self pt-cv-href-thumbnail pt-cv-thumb-default\" target=\"_self\" ><\/a>\n<div class=\"pt-cv-taxoterm above_title\"><a href='https:\/\/www.dmsjuridica.com\/buscador_20179478954\/corteconstitucionalcronologico202454587\/category\/buscar-en-toda-la-corte\/1995\/tutelas-1995\/' title='Tutelas 1995' class='pt-cv-tax-tutelas-1995'>Tutelas 1995<\/a><\/div>\n<h4 class=\"pt-cv-title\"><a href=\"https:\/\/www.dmsjuridica.com\/buscador_20179478954\/corteconstitucionalcronologico202454587\/t-164-95\/\" class=\"_self\" target=\"_self\" >T 164 95<\/a><\/h4>\n<div class=\"pt-cv-content\">T-164-95 Sentencia No. T-164\/95 ACCION DE TUTELA-Subsidiariedad No cabe en principio la acci\u00f3n de tutela si hay a disposici\u00f3n del interesado otro medio de defensa judicial siempre que \u00e9ste resulte apto para la garant\u00eda cierta del derecho fundamental, es decir que no sea puramente te\u00f3rico, y que su objeto sea espec\u00edficamente la protecci\u00f3n del mismo, lo cual significa que los fines que se persiguir\u00edan con la tutela puedan alcanzarse por conducto del mecanismo judicial alternativo. Si el juez ante el cual se instaura la acci\u00f3n de tutela encuentra configuradas esas condiciones -que se desprenden especialmente de los art\u00edculos 1\u00ba, 5\u00ba, ...<br \/><div class=\"pt-cv-rmwrap\"><a href=\"https:\/\/www.dmsjuridica.com\/buscador_20179478954\/corteconstitucionalcronologico202454587\/t-164-95\/\" class=\"_self pt-cv-readmore btn btn-success\" target=\"_self\">Ver Sentencia Completa...<\/a><\/div><\/div><\/div><\/div>\n<div class=\"col-md-12 col-sm-12 col-xs-12 pt-cv-content-item pt-cv-1-col\" ><div class='pt-cv-ifield'><a href=\"https:\/\/www.dmsjuridica.com\/buscador_20179478954\/corteconstitucionalcronologico202454587\/t-163-95\/\" class=\"_self pt-cv-href-thumbnail pt-cv-thumb-default\" target=\"_self\" ><\/a>\n<div class=\"pt-cv-taxoterm above_title\"><a href='https:\/\/www.dmsjuridica.com\/buscador_20179478954\/corteconstitucionalcronologico202454587\/category\/buscar-en-toda-la-corte\/1995\/tutelas-1995\/' title='Tutelas 1995' class='pt-cv-tax-tutelas-1995'>Tutelas 1995<\/a><\/div>\n<h4 class=\"pt-cv-title\"><a href=\"https:\/\/www.dmsjuridica.com\/buscador_20179478954\/corteconstitucionalcronologico202454587\/t-163-95\/\" class=\"_self\" target=\"_self\" >T 163 95<\/a><\/h4>\n<div class=\"pt-cv-content\">T-163-95 Sentencia No. T-163\/95 ACCION DE TUTELA-Abuso\/HONORARIOS-Pago\/MEDIO DE DEFENSA JUDICIAL A pesar de la forma expl\u00edcita en que la Corte Constitucional ha se\u00f1alado el sentido y los alcances de la acci\u00f3n de tutela, ciertas personas interesadas en decisiones que, seg\u00fan el sistema vigente, deben ser adoptadas en procesos ordinarios, se obstinan en instaurar acciones de tutela por causas que, sin asomo de duda, rebasan el sentido y el objeto del amparo. La indebida utilizaci\u00f3n de este excepcional instrumento perjudica en grado sumo a la administraci\u00f3n de justicia, congestiona juzgados y tribunales, priva a muchas personas verdaderamente legitimadas de la intervenci\u00f3n ...<br \/><div class=\"pt-cv-rmwrap\"><a href=\"https:\/\/www.dmsjuridica.com\/buscador_20179478954\/corteconstitucionalcronologico202454587\/t-163-95\/\" class=\"_self pt-cv-readmore btn btn-success\" target=\"_self\">Ver Sentencia Completa...<\/a><\/div><\/div><\/div><\/div>\n<div class=\"col-md-12 col-sm-12 col-xs-12 pt-cv-content-item pt-cv-1-col\" ><div class='pt-cv-ifield'><a href=\"https:\/\/www.dmsjuridica.com\/buscador_20179478954\/corteconstitucionalcronologico202454587\/t-162-95\/\" class=\"_self pt-cv-href-thumbnail pt-cv-thumb-default\" target=\"_self\" ><\/a>\n<div class=\"pt-cv-taxoterm above_title\"><a href='https:\/\/www.dmsjuridica.com\/buscador_20179478954\/corteconstitucionalcronologico202454587\/category\/buscar-en-toda-la-corte\/1995\/tutelas-1995\/' title='Tutelas 1995' class='pt-cv-tax-tutelas-1995'>Tutelas 1995<\/a><\/div>\n<h4 class=\"pt-cv-title\"><a href=\"https:\/\/www.dmsjuridica.com\/buscador_20179478954\/corteconstitucionalcronologico202454587\/t-162-95\/\" class=\"_self\" target=\"_self\" >T 162 95<\/a><\/h4>\n<div class=\"pt-cv-content\">T-162-95 Sentencia No. T-162\/95 ACCION DE TUTELA-Abuso No necesita la Corte extenderse en consideraciones relativas a la abierta improcedencia de la acci\u00f3n instaurada, pues basta repasar la narraci\u00f3n del propio accionante para persuadirse de que \u00e9ste, en inaudito y reprochable comportamiento, pretendi\u00f3 que los jueces entraran a resolver problemas cotidianos completamente balad\u00edes, surgidos por diferencias menores entre \u00e9l y su vecino, obstruyendo la administraci\u00f3n de justicia y llevando hasta el rid\u00edculo una acci\u00f3n que, por su especial objeto -la protecci\u00f3n de los derechos fundamentales- es altamente respetable y debe ser usada \u00fanicamente dentro de los t\u00e9rminos constitucionales y para los ...<br \/><div class=\"pt-cv-rmwrap\"><a href=\"https:\/\/www.dmsjuridica.com\/buscador_20179478954\/corteconstitucionalcronologico202454587\/t-162-95\/\" class=\"_self pt-cv-readmore btn btn-success\" target=\"_self\">Ver Sentencia Completa...<\/a><\/div><\/div><\/div><\/div>\n<div class=\"col-md-12 col-sm-12 col-xs-12 pt-cv-content-item pt-cv-1-col\" ><div class='pt-cv-ifield'><a href=\"https:\/\/www.dmsjuridica.com\/buscador_20179478954\/corteconstitucionalcronologico202454587\/t-161-95\/\" class=\"_self pt-cv-href-thumbnail pt-cv-thumb-default\" target=\"_self\" ><\/a>\n<div class=\"pt-cv-taxoterm above_title\"><a href='https:\/\/www.dmsjuridica.com\/buscador_20179478954\/corteconstitucionalcronologico202454587\/category\/buscar-en-toda-la-corte\/1995\/tutelas-1995\/' title='Tutelas 1995' class='pt-cv-tax-tutelas-1995'>Tutelas 1995<\/a><\/div>\n<h4 class=\"pt-cv-title\"><a href=\"https:\/\/www.dmsjuridica.com\/buscador_20179478954\/corteconstitucionalcronologico202454587\/t-161-95\/\" class=\"_self\" target=\"_self\" >T 161 95<\/a><\/h4>\n<div class=\"pt-cv-content\">T-161-95 Sentencia No. T-161\/95 ACCION DE TUTELA CONTRA PARTICULARES-Improcedencia\/MEDIO DE DEFENSA JUDICIAL En el presente caso no se dan los presupuestos legales que se requieren para la procedencia de la tutela contra particulares, sino que adem\u00e1s el accionante dispone de otros medios para defender sus derechos, y por cuanto adem\u00e1s, ni en la demanda ni en las pruebas que obran en el expediente se pudo advertir la existencia de perjuicio irremediable, que permitiese el ejercicio de la acci\u00f3n en forma transitoria. La acci\u00f3n de tutela no puede ser propuesta con fines indemnizatorios ni de reparaci\u00f3n en las relaciones entre particulares, ...<br \/><div class=\"pt-cv-rmwrap\"><a href=\"https:\/\/www.dmsjuridica.com\/buscador_20179478954\/corteconstitucionalcronologico202454587\/t-161-95\/\" class=\"_self pt-cv-readmore btn btn-success\" target=\"_self\">Ver Sentencia Completa...<\/a><\/div><\/div><\/div><\/div>\n<div class=\"col-md-12 col-sm-12 col-xs-12 pt-cv-content-item pt-cv-1-col\" ><div class='pt-cv-ifield'><a href=\"https:\/\/www.dmsjuridica.com\/buscador_20179478954\/corteconstitucionalcronologico202454587\/t-160-95\/\" class=\"_self pt-cv-href-thumbnail pt-cv-thumb-default\" target=\"_self\" ><\/a>\n<div class=\"pt-cv-taxoterm above_title\"><a href='https:\/\/www.dmsjuridica.com\/buscador_20179478954\/corteconstitucionalcronologico202454587\/category\/buscar-en-toda-la-corte\/1995\/tutelas-1995\/' title='Tutelas 1995' class='pt-cv-tax-tutelas-1995'>Tutelas 1995<\/a><\/div>\n<h4 class=\"pt-cv-title\"><a href=\"https:\/\/www.dmsjuridica.com\/buscador_20179478954\/corteconstitucionalcronologico202454587\/t-160-95\/\" class=\"_self\" target=\"_self\" >T 160 95<\/a><\/h4>\n<div class=\"pt-cv-content\">T-160-95 Sentencia No. T-160\/95 HONORARIOS DE PERITO-Objeci\u00f3n\/JUEZ DE TUTELA-Incompetencia Las partes y el auxiliar podr\u00e1n objetar los honorarios en el t\u00e9rmino de la ejecutoria del auto que los se\u00f1ale, debi\u00e9ndo resolver el juez previo traslado a la otra parte. No puede entonces pretenderse que el juez de tutela interfiera o invada competencias que no le corresponden, como lo relacionada con la objeci\u00f3n en la fijaci\u00f3n de honorarios de los peritos o auxiliares de la justicia. Si la persona que se dice \u201cpresuntamente\u201d afectada por una decisi\u00f3n judicial, no hace uso de los mecanismos que las distintas jurisdicciones consagran con el ...<br \/><div class=\"pt-cv-rmwrap\"><a href=\"https:\/\/www.dmsjuridica.com\/buscador_20179478954\/corteconstitucionalcronologico202454587\/t-160-95\/\" class=\"_self pt-cv-readmore btn btn-success\" target=\"_self\">Ver Sentencia Completa...<\/a><\/div><\/div><\/div><\/div>\n<div class=\"col-md-12 col-sm-12 col-xs-12 pt-cv-content-item pt-cv-1-col\" ><div class='pt-cv-ifield'><a href=\"https:\/\/www.dmsjuridica.com\/buscador_20179478954\/corteconstitucionalcronologico202454587\/t-159-95\/\" class=\"_self pt-cv-href-thumbnail pt-cv-thumb-default\" target=\"_self\" ><\/a>\n<div class=\"pt-cv-taxoterm above_title\"><a href='https:\/\/www.dmsjuridica.com\/buscador_20179478954\/corteconstitucionalcronologico202454587\/category\/buscar-en-toda-la-corte\/1995\/tutelas-1995\/' title='Tutelas 1995' class='pt-cv-tax-tutelas-1995'>Tutelas 1995<\/a><\/div>\n<h4 class=\"pt-cv-title\"><a href=\"https:\/\/www.dmsjuridica.com\/buscador_20179478954\/corteconstitucionalcronologico202454587\/t-159-95\/\" class=\"_self\" target=\"_self\" >T 159 95<\/a><\/h4>\n<div class=\"pt-cv-content\">T-159-95 Sentencia No. T-159\/95 DERECHOS DEL NI\u00d1O\/SERVICIO PUBLICO DE SALUD\/INSTITUTO DE SEGUROS SOCIALES\/MENOR ENFERMO-Rehabilitaci\u00f3n La Corte Constitucional reitera la especial protecci\u00f3n que merecen los derechos fundamentales de los ni\u00f1os, y particularmente en lo relativo al acceso a los servicios de salud. El ISS no puede suspender programas que por disposici\u00f3n legal y reglamentaria hacen parte del Plan Obligatorio de Salud, en lo que hace espec\u00edficamente a la ejecuci\u00f3n de programas de rehabilitaci\u00f3n f\u00edsica y readaptaci\u00f3n sicosocial y laboral de los beneficiarios, dentro de los cuales se pueden considerar las terapias para menores discapacitados. REF: EXPEDIENTE T- 56698 PETICIONARIO: Jos\u00e9 Mar\u00eda ...<br \/><div class=\"pt-cv-rmwrap\"><a href=\"https:\/\/www.dmsjuridica.com\/buscador_20179478954\/corteconstitucionalcronologico202454587\/t-159-95\/\" class=\"_self pt-cv-readmore btn btn-success\" target=\"_self\">Ver Sentencia Completa...<\/a><\/div><\/div><\/div><\/div>\n<div class=\"col-md-12 col-sm-12 col-xs-12 pt-cv-content-item pt-cv-1-col\" ><div class='pt-cv-ifield'><a href=\"https:\/\/www.dmsjuridica.com\/buscador_20179478954\/corteconstitucionalcronologico202454587\/t-158-95\/\" class=\"_self pt-cv-href-thumbnail pt-cv-thumb-default\" target=\"_self\" ><\/a>\n<div class=\"pt-cv-taxoterm above_title\"><a href='https:\/\/www.dmsjuridica.com\/buscador_20179478954\/corteconstitucionalcronologico202454587\/category\/buscar-en-toda-la-corte\/1995\/tutelas-1995\/' title='Tutelas 1995' class='pt-cv-tax-tutelas-1995'>Tutelas 1995<\/a><\/div>\n<h4 class=\"pt-cv-title\"><a href=\"https:\/\/www.dmsjuridica.com\/buscador_20179478954\/corteconstitucionalcronologico202454587\/t-158-95\/\" class=\"_self\" target=\"_self\" >T 158 95<\/a><\/h4>\n<div class=\"pt-cv-content\">T-158-95 Sentencia No. T-158\/95 DERECHO A LA SALUD\/DERECHOS FUNDAMENTALES-Interpretaci\u00f3n\/INSTITUTO DE SEGUROS SOCIALES-Obligaciones\/INSTITUTO DE SEGUROS SOCIALES-Suministro de medicamento A pesar de no aparecer dentro del Cap\u00edtulo 1, Titulo II de la Constituci\u00f3n, que se refiere a los Derechos Constitucionales Fundamentales, adquiere esa categor\u00eda por considerarlo, como lo ha hecho esta Corporaci\u00f3n, un \"derecho fundamental por conexidad, los cuales son aquellos que no siendo denominados como tales en el texto constitucional, sin embargo, les es comunicada esta calificaci\u00f3n en virtud de la \u00edntima e inescindible relaci\u00f3n con otros derechos fundamentales, de forma que si no fueran protegidos en forma inmediata los primeros, ...<br \/><div class=\"pt-cv-rmwrap\"><a href=\"https:\/\/www.dmsjuridica.com\/buscador_20179478954\/corteconstitucionalcronologico202454587\/t-158-95\/\" class=\"_self pt-cv-readmore btn btn-success\" target=\"_self\">Ver Sentencia Completa...<\/a><\/div><\/div><\/div><\/div>\n<div class=\"col-md-12 col-sm-12 col-xs-12 pt-cv-content-item pt-cv-1-col\" ><div class='pt-cv-ifield'><a href=\"https:\/\/www.dmsjuridica.com\/buscador_20179478954\/corteconstitucionalcronologico202454587\/t-157-95\/\" class=\"_self pt-cv-href-thumbnail pt-cv-thumb-default\" target=\"_self\" ><\/a>\n<div class=\"pt-cv-taxoterm above_title\"><a href='https:\/\/www.dmsjuridica.com\/buscador_20179478954\/corteconstitucionalcronologico202454587\/category\/buscar-en-toda-la-corte\/1995\/tutelas-1995\/' title='Tutelas 1995' class='pt-cv-tax-tutelas-1995'>Tutelas 1995<\/a><\/div>\n<h4 class=\"pt-cv-title\"><a href=\"https:\/\/www.dmsjuridica.com\/buscador_20179478954\/corteconstitucionalcronologico202454587\/t-157-95\/\" class=\"_self\" target=\"_self\" >T 157 95<\/a><\/h4>\n<div class=\"pt-cv-content\">T-157-95 Sentencia No. T-157\/95 DERECHO A LA SEGURIDAD SOCIAL-Efectividad La efectividad del derecho a la seguridad social no s\u00f3lo corresponde al trabajador, sino tambi\u00e9n al empleador quien tiene la obligaci\u00f3n de afiliar a sus empleados al sistema de seguridad social y de cancelar en forma oportuna y cumplida los respectivos aportes. La empresa no puede ser indiferente en relaci\u00f3n con el servicio p\u00fablico de la seguridad social de los asalariados, para los efectos de que se cumpla con el ordenamiento constitucional, seg\u00fan el cual, \u00e9ste debe prestarse con sujeci\u00f3n a los principios de eficiencia, universalidad y solidaridad, en los t\u00e9rminos ...<br \/><div class=\"pt-cv-rmwrap\"><a href=\"https:\/\/www.dmsjuridica.com\/buscador_20179478954\/corteconstitucionalcronologico202454587\/t-157-95\/\" class=\"_self pt-cv-readmore btn btn-success\" target=\"_self\">Ver Sentencia Completa...<\/a><\/div><\/div><\/div><\/div>\n<div class=\"col-md-12 col-sm-12 col-xs-12 pt-cv-content-item pt-cv-1-col\" ><div class='pt-cv-ifield'><a href=\"https:\/\/www.dmsjuridica.com\/buscador_20179478954\/corteconstitucionalcronologico202454587\/t-156-95\/\" class=\"_self pt-cv-href-thumbnail pt-cv-thumb-default\" target=\"_self\" ><\/a>\n<div class=\"pt-cv-taxoterm above_title\"><a href='https:\/\/www.dmsjuridica.com\/buscador_20179478954\/corteconstitucionalcronologico202454587\/category\/buscar-en-toda-la-corte\/1995\/tutelas-1995\/' title='Tutelas 1995' class='pt-cv-tax-tutelas-1995'>Tutelas 1995<\/a><\/div>\n<h4 class=\"pt-cv-title\"><a href=\"https:\/\/www.dmsjuridica.com\/buscador_20179478954\/corteconstitucionalcronologico202454587\/t-156-95\/\" class=\"_self\" target=\"_self\" >T 156 95<\/a><\/h4>\n<div class=\"pt-cv-content\">T-156-95 PENSION DE JUBILACION-Pago\/DERECHOS DE PERSONA DE LA TERCERA EDAD El Estado adquiere por mandato del inciso 3o. del art\u00edculo 53 Superior, el compromiso de garantizar el pago oportuno de las pensiones, para lo cual debe proveer en los respectivos presupuestos del orden nacional, departamental, distrital y municipal las partidas necesarias para atender de manera cumplida y satisfactoria su obligaci\u00f3n consittucional, especialmente cuando quienes se ven afectados por el incumplimiento o la desidia de las autoridades estatales, son personas de la tercera edad. ACTO DE INCLUSION EN NOMINA La inclusi\u00f3n en n\u00f3mina \"es un acto instrumental, de tr\u00e1mite o preparatorio ...<br \/><div class=\"pt-cv-rmwrap\"><a href=\"https:\/\/www.dmsjuridica.com\/buscador_20179478954\/corteconstitucionalcronologico202454587\/t-156-95\/\" class=\"_self pt-cv-readmore btn btn-success\" target=\"_self\">Ver Sentencia Completa...<\/a><\/div><\/div><\/div><\/div>\n<div class=\"col-md-12 col-sm-12 col-xs-12 pt-cv-content-item pt-cv-1-col\" ><div class='pt-cv-ifield'><a href=\"https:\/\/www.dmsjuridica.com\/buscador_20179478954\/corteconstitucionalcronologico202454587\/t-155-95\/\" class=\"_self pt-cv-href-thumbnail pt-cv-thumb-default\" target=\"_self\" ><\/a>\n<div class=\"pt-cv-taxoterm above_title\"><a href='https:\/\/www.dmsjuridica.com\/buscador_20179478954\/corteconstitucionalcronologico202454587\/category\/buscar-en-toda-la-corte\/1995\/tutelas-1995\/' title='Tutelas 1995' class='pt-cv-tax-tutelas-1995'>Tutelas 1995<\/a><\/div>\n<h4 class=\"pt-cv-title\"><a href=\"https:\/\/www.dmsjuridica.com\/buscador_20179478954\/corteconstitucionalcronologico202454587\/t-155-95\/\" class=\"_self\" target=\"_self\" >T 155 95<\/a><\/h4>\n<div class=\"pt-cv-content\">T-155-95 Sentencia No. T-155\/95 PRINCIPIO NO REFORMATIO IN PEJUS-Excepciones\/PRINCIPIO DE LEGALIDAD DE LA PENA La no reformatio in pejus como imposibilidad de agravar la sanci\u00f3n impuesta en primera instancia cuando se trate de apelante \u00fanico, es aplicable siempre y cuando el fallo se ajuste a la realidad constitucional y legal. La no reformatio in pejus no es un principio absoluto y mec\u00e1nico sino que admite la excepci\u00f3n que impone el principio de legalidad de los delitos y de las penas de rango constitucional. NOTA DE RELATORIA: En relaci\u00f3n con el tema ver sentencia SU-327\/95 REF.: Expediente No. T-51343 Peticionario: NELSON ...<br \/><div class=\"pt-cv-rmwrap\"><a href=\"https:\/\/www.dmsjuridica.com\/buscador_20179478954\/corteconstitucionalcronologico202454587\/t-155-95\/\" class=\"_self pt-cv-readmore btn btn-success\" target=\"_self\">Ver Sentencia Completa...<\/a><\/div><\/div><\/div><\/div>\n<div class=\"col-md-12 col-sm-12 col-xs-12 pt-cv-content-item pt-cv-1-col\" ><div class='pt-cv-ifield'><a href=\"https:\/\/www.dmsjuridica.com\/buscador_20179478954\/corteconstitucionalcronologico202454587\/t-150-95\/\" class=\"_self pt-cv-href-thumbnail pt-cv-thumb-default\" target=\"_self\" ><\/a>\n<div class=\"pt-cv-taxoterm above_title\"><a href='https:\/\/www.dmsjuridica.com\/buscador_20179478954\/corteconstitucionalcronologico202454587\/category\/buscar-en-toda-la-corte\/1995\/tutelas-1995\/' title='Tutelas 1995' class='pt-cv-tax-tutelas-1995'>Tutelas 1995<\/a><\/div>\n<h4 class=\"pt-cv-title\"><a href=\"https:\/\/www.dmsjuridica.com\/buscador_20179478954\/corteconstitucionalcronologico202454587\/t-150-95\/\" class=\"_self\" target=\"_self\" >T 150 95<\/a><\/h4>\n<div class=\"pt-cv-content\">T-150-95 Sentencia No. T-150\/95 BIENES DE USO PUBLICO-Afectaci\u00f3n La afectaci\u00f3n consiste en una manifestaci\u00f3n de voluntad expresa del poder p\u00fablico, por medio del cual se incorpora un bien al uso o goce de la comunidad, ya sea directo o indirecto. Como se desprende de la anterior definici\u00f3n, para que el fen\u00f3meno de la afectaci\u00f3n sea posible requiere de dos momentos claramente identificables: a) un aspecto material, esto es, la existencia de un bien apto para el uso p\u00fablico y b) el aspecto intencional o subjetivo, que consiste en la declaraci\u00f3n de voluntad o en el accionar del \u00f3rgano estatal que ...<br \/><div class=\"pt-cv-rmwrap\"><a href=\"https:\/\/www.dmsjuridica.com\/buscador_20179478954\/corteconstitucionalcronologico202454587\/t-150-95\/\" class=\"_self pt-cv-readmore btn btn-success\" target=\"_self\">Ver Sentencia Completa...<\/a><\/div><\/div><\/div><\/div>\n<div class=\"col-md-12 col-sm-12 col-xs-12 pt-cv-content-item pt-cv-1-col\" ><div class='pt-cv-ifield'><a href=\"https:\/\/www.dmsjuridica.com\/buscador_20179478954\/corteconstitucionalcronologico202454587\/t-149-95\/\" class=\"_self pt-cv-href-thumbnail pt-cv-thumb-default\" target=\"_self\" ><\/a>\n<div class=\"pt-cv-taxoterm above_title\"><a href='https:\/\/www.dmsjuridica.com\/buscador_20179478954\/corteconstitucionalcronologico202454587\/category\/buscar-en-toda-la-corte\/1995\/tutelas-1995\/' title='Tutelas 1995' class='pt-cv-tax-tutelas-1995'>Tutelas 1995<\/a><\/div>\n<h4 class=\"pt-cv-title\"><a href=\"https:\/\/www.dmsjuridica.com\/buscador_20179478954\/corteconstitucionalcronologico202454587\/t-149-95\/\" class=\"_self\" target=\"_self\" >T 149 95<\/a><\/h4>\n<div class=\"pt-cv-content\">T-149-95 Sentencia No. T-149\/95 ACCION DE TUTELA TEMERARIA-Presupuestos\/PRESUNCION DE BUENA FE La actuaci\u00f3n temeraria presupone la violaci\u00f3n del principio de la buena fe. Una probable explicaci\u00f3n del comportamiento de los actores ser\u00eda la de que \u00e9stos buscaban constituir las pruebas necesarias para demostrar posteriormente la existencia de un trato discriminatorio. Esta interpretaci\u00f3n, a diferencia de la presupuesta por los falladores de tutela, consulta el principio de la presunci\u00f3n de buena fe en las gestiones que los particulares adelantan ante las autoridades PRINCIPIO DE IRRENUNCIABILIDAD A LOS BENEFICIOS MINIMOS LABORALES\/PRINCIPIO DE DIGNIDAD HUMANA El art\u00edculo 53 de la Carta Pol\u00edtica consagra ...<br \/><div class=\"pt-cv-rmwrap\"><a href=\"https:\/\/www.dmsjuridica.com\/buscador_20179478954\/corteconstitucionalcronologico202454587\/t-149-95\/\" class=\"_self pt-cv-readmore btn btn-success\" target=\"_self\">Ver Sentencia Completa...<\/a><\/div><\/div><\/div><\/div>\n<div class=\"col-md-12 col-sm-12 col-xs-12 pt-cv-content-item pt-cv-1-col\" ><div class='pt-cv-ifield'><a href=\"https:\/\/www.dmsjuridica.com\/buscador_20179478954\/corteconstitucionalcronologico202454587\/t-148-95\/\" class=\"_self pt-cv-href-thumbnail pt-cv-thumb-default\" target=\"_self\" ><\/a>\n<div class=\"pt-cv-taxoterm above_title\"><a href='https:\/\/www.dmsjuridica.com\/buscador_20179478954\/corteconstitucionalcronologico202454587\/category\/buscar-en-toda-la-corte\/1995\/tutelas-1995\/' title='Tutelas 1995' class='pt-cv-tax-tutelas-1995'>Tutelas 1995<\/a><\/div>\n<h4 class=\"pt-cv-title\"><a href=\"https:\/\/www.dmsjuridica.com\/buscador_20179478954\/corteconstitucionalcronologico202454587\/t-148-95\/\" class=\"_self\" target=\"_self\" >T 148 95<\/a><\/h4>\n<div class=\"pt-cv-content\">T-148-95 Sentencia No. T-148\/95 DERECHO DE PETICION-Pronta resoluci\u00f3n Una vez formulada la petici\u00f3n, de manera respetuosa, cualquiera que sea el motivo de la misma, bien sea particular o general, el ciudadano adquiere el derecho a obtener pronta resoluci\u00f3n. Lo que hace efectivo el derecho es que la petici\u00f3n elevada sea resuelta r\u00e1pidamente. Por tanto, es una obligaci\u00f3n inexcusable de la administraci\u00f3n resolver prontamente las peticiones presentadas por los ciudadanos, lo cual no significa una respuesta favorable perentoriamente. Pero en cambio, puede afirmarse que su pronta resoluci\u00f3n hace verdaderamente efectivo el derecho de petici\u00f3n. SILENCIO ADMINISTRATIVO NEGATIVO La operancia del silencio ...<br \/><div class=\"pt-cv-rmwrap\"><a href=\"https:\/\/www.dmsjuridica.com\/buscador_20179478954\/corteconstitucionalcronologico202454587\/t-148-95\/\" class=\"_self pt-cv-readmore btn btn-success\" target=\"_self\">Ver Sentencia Completa...<\/a><\/div><\/div><\/div><\/div>\n<div class=\"col-md-12 col-sm-12 col-xs-12 pt-cv-content-item pt-cv-1-col\" ><div class='pt-cv-ifield'><a href=\"https:\/\/www.dmsjuridica.com\/buscador_20179478954\/corteconstitucionalcronologico202454587\/t-147-95\/\" class=\"_self pt-cv-href-thumbnail pt-cv-thumb-default\" target=\"_self\" ><\/a>\n<div class=\"pt-cv-taxoterm above_title\"><a href='https:\/\/www.dmsjuridica.com\/buscador_20179478954\/corteconstitucionalcronologico202454587\/category\/buscar-en-toda-la-corte\/1995\/tutelas-1995\/' title='Tutelas 1995' class='pt-cv-tax-tutelas-1995'>Tutelas 1995<\/a><\/div>\n<h4 class=\"pt-cv-title\"><a href=\"https:\/\/www.dmsjuridica.com\/buscador_20179478954\/corteconstitucionalcronologico202454587\/t-147-95\/\" class=\"_self\" target=\"_self\" >T 147 95<\/a><\/h4>\n<div class=\"pt-cv-content\">T-147-95 Sentencia No. T-147\/95 MESADA PENSIONAL-Pago oportuno\/PARTIDA PRESUPUESTAL-Ejecuci\u00f3n\/DERECHOS DE PERSONA DE LA TERCERA EDAD-Protecci\u00f3n\/DERECHO A LA SUBSISTENCIA El Estado adquiere el compromiso de garantizar el pago oportuno de las pensiones, para lo cual debe proveer en los respectivos presupuestos del orden nacional, departamental, distrital y municipal las partidas necesarias para atender de manera cumplida y satisfactoria su obligaci\u00f3n constitucional, especialmente cuando quienes se ven afectados por el incumplimiento o la desidia de las autoridades estatales, son personas de la tercera edad, a quienes en cumplimiento de lo dispuesto en el art\u00edculo 46 constitucional, el Estado debe concurrir con la sociedad ...<br \/><div class=\"pt-cv-rmwrap\"><a href=\"https:\/\/www.dmsjuridica.com\/buscador_20179478954\/corteconstitucionalcronologico202454587\/t-147-95\/\" class=\"_self pt-cv-readmore btn btn-success\" target=\"_self\">Ver Sentencia Completa...<\/a><\/div><\/div><\/div><\/div>\n<div class=\"col-md-12 col-sm-12 col-xs-12 pt-cv-content-item pt-cv-1-col\" ><div class='pt-cv-ifield'><a href=\"https:\/\/www.dmsjuridica.com\/buscador_20179478954\/corteconstitucionalcronologico202454587\/t-146-95\/\" class=\"_self pt-cv-href-thumbnail pt-cv-thumb-default\" target=\"_self\" ><\/a>\n<div class=\"pt-cv-taxoterm above_title\"><a href='https:\/\/www.dmsjuridica.com\/buscador_20179478954\/corteconstitucionalcronologico202454587\/category\/buscar-en-toda-la-corte\/1995\/tutelas-1995\/' title='Tutelas 1995' class='pt-cv-tax-tutelas-1995'>Tutelas 1995<\/a><\/div>\n<h4 class=\"pt-cv-title\"><a href=\"https:\/\/www.dmsjuridica.com\/buscador_20179478954\/corteconstitucionalcronologico202454587\/t-146-95\/\" class=\"_self\" target=\"_self\" >T 146 95<\/a><\/h4>\n<div class=\"pt-cv-content\">T-146-95 Sentencia No. T-146\/95 ACCION DE TUTELA CONTRA PROVIDENCIAS JUDICIALES-Improcedencia\/VIA DE HECHO Procede la acci\u00f3n de tutela contra providencias judiciales, en aquellos casos donde la actuaci\u00f3n de la autoridad p\u00fablica, y en particular de la autoridad judicial, carece de fundamento objetivo y s\u00f3lo obedece a actuaciones caprichosas y arbitrarias adelantadas con extralimitaci\u00f3n de funciones, generando como consecuencia la violaci\u00f3n o amenaza de derechos fundamentales de la persona, e incurriendo de esa manera en lo que se ha denominado como \"v\u00edas de hecho\". Por ello, todo proceder de los servidores p\u00fablicos, que ignore ostensible y flagrantemente el ordenamiento jur\u00eddico, se constituye ...<br \/><div class=\"pt-cv-rmwrap\"><a href=\"https:\/\/www.dmsjuridica.com\/buscador_20179478954\/corteconstitucionalcronologico202454587\/t-146-95\/\" class=\"_self pt-cv-readmore btn btn-success\" target=\"_self\">Ver Sentencia Completa...<\/a><\/div><\/div><\/div><\/div>\n<div class=\"col-md-12 col-sm-12 col-xs-12 pt-cv-content-item pt-cv-1-col\" ><div class='pt-cv-ifield'><a href=\"https:\/\/www.dmsjuridica.com\/buscador_20179478954\/corteconstitucionalcronologico202454587\/t-145-95\/\" class=\"_self pt-cv-href-thumbnail pt-cv-thumb-default\" target=\"_self\" ><\/a>\n<div class=\"pt-cv-taxoterm above_title\"><a href='https:\/\/www.dmsjuridica.com\/buscador_20179478954\/corteconstitucionalcronologico202454587\/category\/buscar-en-toda-la-corte\/1995\/tutelas-1995\/' title='Tutelas 1995' class='pt-cv-tax-tutelas-1995'>Tutelas 1995<\/a><\/div>\n<h4 class=\"pt-cv-title\"><a href=\"https:\/\/www.dmsjuridica.com\/buscador_20179478954\/corteconstitucionalcronologico202454587\/t-145-95\/\" class=\"_self\" target=\"_self\" >T 145 95<\/a><\/h4>\n<div class=\"pt-cv-content\">T-145-95 Sentencia No. T-145\/95 DERECHO A LA IGUALDAD\/PADRE COMUNITARIO-Afiliaci\u00f3n al ISS El actor tiene derecho a ser afiliado al ISS en la misma forma y en las mismas condiciones en que lo han sido las madres comunitarias. Es decir, si a ellas se las ha afiliado a los riesgos de enfermedad general y maternidad con el r\u00e9gimen subsidiado, as\u00ed debe ser afiliado el actor. El trato que se le otorgue al actor, debe ser el mismo de las madres comunitarias. REF: PROCESO T-52.963 DEMANDANTE: ISRAEL MERA GUTIERREZ contra INSTITUTO DE SEGUROS SOCIALES, SECCIONAL DEL CAUCA. PROCEDENCIA: TRIBUNAL SUPERIOR DEL DISTRITO ...<br \/><div class=\"pt-cv-rmwrap\"><a href=\"https:\/\/www.dmsjuridica.com\/buscador_20179478954\/corteconstitucionalcronologico202454587\/t-145-95\/\" class=\"_self pt-cv-readmore btn btn-success\" target=\"_self\">Ver Sentencia Completa...<\/a><\/div><\/div><\/div><\/div>\n<div class=\"col-md-12 col-sm-12 col-xs-12 pt-cv-content-item pt-cv-1-col\" ><div class='pt-cv-ifield'><a href=\"https:\/\/www.dmsjuridica.com\/buscador_20179478954\/corteconstitucionalcronologico202454587\/t-144-95\/\" class=\"_self pt-cv-href-thumbnail pt-cv-thumb-default\" target=\"_self\" ><\/a>\n<div class=\"pt-cv-taxoterm above_title\"><a href='https:\/\/www.dmsjuridica.com\/buscador_20179478954\/corteconstitucionalcronologico202454587\/category\/buscar-en-toda-la-corte\/1995\/tutelas-1995\/' title='Tutelas 1995' class='pt-cv-tax-tutelas-1995'>Tutelas 1995<\/a><\/div>\n<h4 class=\"pt-cv-title\"><a href=\"https:\/\/www.dmsjuridica.com\/buscador_20179478954\/corteconstitucionalcronologico202454587\/t-144-95\/\" class=\"_self\" target=\"_self\" >T 144 95<\/a><\/h4>\n<div class=\"pt-cv-content\">T-144-95 Expediente 40.966 Sentencia T-144\/95 PENSION DE INVALIDEZ-Derecho Fundamental\/DERECHO A LA SEGURIDAD SOCIAL La Corte ha considerado que no obstante su naturaleza prestacional, el derecho a la seguridad social y en especial a la pensi\u00f3n de invalidez, como derivado de aquel, pueda asumir en determinadas circunstancias el car\u00e1cter de fundamental, dada su \u00edntima relaci\u00f3n con los derechos a la vida, al trabajo y a la salud. El derecho a la seguridad social tiene su expreso reconocimiento de manera gen\u00e9rica en el art\u00edculo 48 de la Constituci\u00f3n y espec\u00edficamente con respecto a las personas disminuidas f\u00edsicas, sensoriales y ps\u00edquicas en el ...<br \/><div class=\"pt-cv-rmwrap\"><a href=\"https:\/\/www.dmsjuridica.com\/buscador_20179478954\/corteconstitucionalcronologico202454587\/t-144-95\/\" class=\"_self pt-cv-readmore btn btn-success\" target=\"_self\">Ver Sentencia Completa...<\/a><\/div><\/div><\/div><\/div>\n<div class=\"col-md-12 col-sm-12 col-xs-12 pt-cv-content-item pt-cv-1-col\" ><div class='pt-cv-ifield'><a href=\"https:\/\/www.dmsjuridica.com\/buscador_20179478954\/corteconstitucionalcronologico202454587\/t-143-95\/\" class=\"_self pt-cv-href-thumbnail pt-cv-thumb-default\" target=\"_self\" ><\/a>\n<div class=\"pt-cv-taxoterm above_title\"><a href='https:\/\/www.dmsjuridica.com\/buscador_20179478954\/corteconstitucionalcronologico202454587\/category\/buscar-en-toda-la-corte\/1995\/tutelas-1995\/' title='Tutelas 1995' class='pt-cv-tax-tutelas-1995'>Tutelas 1995<\/a><\/div>\n<h4 class=\"pt-cv-title\"><a href=\"https:\/\/www.dmsjuridica.com\/buscador_20179478954\/corteconstitucionalcronologico202454587\/t-143-95\/\" class=\"_self\" target=\"_self\" >T 143 95<\/a><\/h4>\n<div class=\"pt-cv-content\">T-143-95 Sentencia No. T-143\/95 DERECHO DE ASOCIACION SINDICAL-Vulneraci\u00f3n\/PRINCIPIO A TRABAJO IGUAL SALARIO IGUAL\/DERECHO A LA IGUALDAD-Vulneraci\u00f3n Existen trabajadores sindicalizados que tienen la misma remuneraci\u00f3n salarial que los no sindicalizados. Pero con respecto al peticionario se aprecia una desigualdad salarial en relaci\u00f3n con otros trabajadores no sindicalizados, que laboran en la misma secci\u00f3n, con id\u00e9nticas o similares funciones y en condiciones de eficiencia iguales o parecidas. En tales circunstancias, y dado que el patrono no ha justificado el trato diferenciado, se presume que la no pertenencia al sindicato de los citados es la causa de la diferencia salarial con respecto al ...<br \/><div class=\"pt-cv-rmwrap\"><a href=\"https:\/\/www.dmsjuridica.com\/buscador_20179478954\/corteconstitucionalcronologico202454587\/t-143-95\/\" class=\"_self pt-cv-readmore btn btn-success\" target=\"_self\">Ver Sentencia Completa...<\/a><\/div><\/div><\/div><\/div>\n<div class=\"col-md-12 col-sm-12 col-xs-12 pt-cv-content-item pt-cv-1-col\" ><div class='pt-cv-ifield'><a href=\"https:\/\/www.dmsjuridica.com\/buscador_20179478954\/corteconstitucionalcronologico202454587\/t-142-95\/\" class=\"_self pt-cv-href-thumbnail pt-cv-thumb-default\" target=\"_self\" ><\/a>\n<div class=\"pt-cv-taxoterm above_title\"><a href='https:\/\/www.dmsjuridica.com\/buscador_20179478954\/corteconstitucionalcronologico202454587\/category\/buscar-en-toda-la-corte\/1995\/tutelas-1995\/' title='Tutelas 1995' class='pt-cv-tax-tutelas-1995'>Tutelas 1995<\/a><\/div>\n<h4 class=\"pt-cv-title\"><a href=\"https:\/\/www.dmsjuridica.com\/buscador_20179478954\/corteconstitucionalcronologico202454587\/t-142-95\/\" class=\"_self\" target=\"_self\" >T 142 95<\/a><\/h4>\n<div class=\"pt-cv-content\">T-142-95 Sentencia No. T-142\/95 ACTO ADMINISTRATIVO-Fuerza ejecutoria La ejecutoria est\u00e1 circunscrita a la facultad que tiene la administraci\u00f3n de producir los efectos jur\u00eddicos del mismo, a\u00fan en contra de la voluntad de los administrados... La fuerza ejecutoria de los actos administrativos, es decir, su ejecutividad, depende entonces de dos aspectos fundamentales: la presunci\u00f3n de legalidad del acto administrativo, siempre que no haya sido desvirtuada, y su firmeza, que se obtiene, cuando contra los actos administrativos no proceda ning\u00fan recurso, o los recursos interpuestos se hayan decidido, o no se interpongan recursos o se renuncie expresamente a ellos, o cuando haya ...<br \/><div class=\"pt-cv-rmwrap\"><a href=\"https:\/\/www.dmsjuridica.com\/buscador_20179478954\/corteconstitucionalcronologico202454587\/t-142-95\/\" class=\"_self pt-cv-readmore btn btn-success\" target=\"_self\">Ver Sentencia Completa...<\/a><\/div><\/div><\/div><\/div>\n<div class=\"col-md-12 col-sm-12 col-xs-12 pt-cv-content-item pt-cv-1-col\" ><div class='pt-cv-ifield'><a href=\"https:\/\/www.dmsjuridica.com\/buscador_20179478954\/corteconstitucionalcronologico202454587\/t-139-95\/\" class=\"_self pt-cv-href-thumbnail pt-cv-thumb-default\" target=\"_self\" ><\/a>\n<div class=\"pt-cv-taxoterm above_title\"><a href='https:\/\/www.dmsjuridica.com\/buscador_20179478954\/corteconstitucionalcronologico202454587\/category\/buscar-en-toda-la-corte\/1995\/tutelas-1995\/' title='Tutelas 1995' class='pt-cv-tax-tutelas-1995'>Tutelas 1995<\/a><\/div>\n<h4 class=\"pt-cv-title\"><a href=\"https:\/\/www.dmsjuridica.com\/buscador_20179478954\/corteconstitucionalcronologico202454587\/t-139-95\/\" class=\"_self\" target=\"_self\" >T 139 95<\/a><\/h4>\n<div class=\"pt-cv-content\">T-139-95 ACCION DE TUTELA CONTRA PERSONA INDETERMINADA-Improcedencia No existe acci\u00f3n de tutela cuando se dirige contra personas indeterminadas, puesto que si el sujeto pasivo de la acci\u00f3n no es conocido el juez de tutela no puede dirigir su poder y obtener una real soluci\u00f3n del problema planteado. ACCION DE TUTELA CONTRA PARTICULARES\/INDEFENSION-Inexistencia\/ACCION DE TUTELA-Improcedencia La indefensi\u00f3n entre particulares es una relaci\u00f3n f\u00e1ctica y jur\u00eddica que coloca a la persona que la sufre en situaci\u00f3n de desventaja ostensible hasta el grado de quedar materialmente inerme para evitar la vulneraci\u00f3n o amenaza de sus derechos fundamentales. En esta tutela no existe prueba ...<br \/><div class=\"pt-cv-rmwrap\"><a href=\"https:\/\/www.dmsjuridica.com\/buscador_20179478954\/corteconstitucionalcronologico202454587\/t-139-95\/\" class=\"_self pt-cv-readmore btn btn-success\" target=\"_self\">Ver Sentencia Completa...<\/a><\/div><\/div><\/div><\/div>\n<div class=\"col-md-12 col-sm-12 col-xs-12 pt-cv-content-item pt-cv-1-col\" ><div class='pt-cv-ifield'><a href=\"https:\/\/www.dmsjuridica.com\/buscador_20179478954\/corteconstitucionalcronologico202454587\/t-138-95\/\" class=\"_self pt-cv-href-thumbnail pt-cv-thumb-default\" target=\"_self\" ><\/a>\n<div class=\"pt-cv-taxoterm above_title\"><a href='https:\/\/www.dmsjuridica.com\/buscador_20179478954\/corteconstitucionalcronologico202454587\/category\/buscar-en-toda-la-corte\/1995\/tutelas-1995\/' title='Tutelas 1995' class='pt-cv-tax-tutelas-1995'>Tutelas 1995<\/a><\/div>\n<h4 class=\"pt-cv-title\"><a href=\"https:\/\/www.dmsjuridica.com\/buscador_20179478954\/corteconstitucionalcronologico202454587\/t-138-95\/\" class=\"_self\" target=\"_self\" >T 138 95<\/a><\/h4>\n<div class=\"pt-cv-content\">T-138-95 Sentencia No. T-138\/95 ACCION DE TUTELA-Titularidad\/PERSONA JURIDICA-Titularidad de derechos fundamentales Las personas jur\u00eddicas poseen derechos constitucionales fundamentales por dos v\u00edas: a) Indirectamente cuando la esencialidad de la protecci\u00f3n gira al rededor de la tutela de los derechos constitucionales fundamentales de las personas naturales asociadas; b) Directamente, cuando las personas jur\u00eddicas son titulares de derechos fundamentales, no porque act\u00faan en sustituci\u00f3n de sus miembros, sino que lo son por s\u00ed mismas, siempre, claro est\u00e1, que esos derechos por su naturaleza sean ejercitables por ellas mismas\". SERVICIO DE RADIODIFUSION-Concesi\u00f3n Unicamente el Ministerio de Comunicaciones est\u00e1 autorizado para otorgar concesiones para la ...<br \/><div class=\"pt-cv-rmwrap\"><a href=\"https:\/\/www.dmsjuridica.com\/buscador_20179478954\/corteconstitucionalcronologico202454587\/t-138-95\/\" class=\"_self pt-cv-readmore btn btn-success\" target=\"_self\">Ver Sentencia Completa...<\/a><\/div><\/div><\/div><\/div>\n<div class=\"col-md-12 col-sm-12 col-xs-12 pt-cv-content-item pt-cv-1-col\" ><div class='pt-cv-ifield'><a href=\"https:\/\/www.dmsjuridica.com\/buscador_20179478954\/corteconstitucionalcronologico202454587\/t-136-95\/\" class=\"_self pt-cv-href-thumbnail pt-cv-thumb-default\" target=\"_self\" ><\/a>\n<div class=\"pt-cv-taxoterm above_title\"><a href='https:\/\/www.dmsjuridica.com\/buscador_20179478954\/corteconstitucionalcronologico202454587\/category\/buscar-en-toda-la-corte\/1995\/tutelas-1995\/' title='Tutelas 1995' class='pt-cv-tax-tutelas-1995'>Tutelas 1995<\/a><\/div>\n<h4 class=\"pt-cv-title\"><a href=\"https:\/\/www.dmsjuridica.com\/buscador_20179478954\/corteconstitucionalcronologico202454587\/t-136-95\/\" class=\"_self\" target=\"_self\" >T 136 95<\/a><\/h4>\n<div class=\"pt-cv-content\">T-136-95 Sentencia No. T-136\/95 TRABAJADOR-Subordinaci\u00f3n Todo trabajador, por el hecho de hallarse vinculado a un determinado patrono, se encuentra subordinado a \u00e9ste, pues depende de \u00e9l en lo que concierne al ejercicio de la actividad que se le encomienda y en todo lo referente a la relaci\u00f3n laboral. A tal punto es ello cierto que el legislador ha consagrado la subordinaci\u00f3n como elemento esencial del contrato de trabajo. PRINCIPIO DE IGUALDAD EN MATERIA LABORAL Es evidente que la igualdad y la justicia distributiva resultan quebrantadas cuando, entre trabajadores igualmente calificados, que rinden lo mismo en cantidad, calidad y tiempo de ...<br \/><div class=\"pt-cv-rmwrap\"><a href=\"https:\/\/www.dmsjuridica.com\/buscador_20179478954\/corteconstitucionalcronologico202454587\/t-136-95\/\" class=\"_self pt-cv-readmore btn btn-success\" target=\"_self\">Ver Sentencia Completa...<\/a><\/div><\/div><\/div><\/div>\n<div class=\"col-md-12 col-sm-12 col-xs-12 pt-cv-content-item pt-cv-1-col\" ><div class='pt-cv-ifield'><a href=\"https:\/\/www.dmsjuridica.com\/buscador_20179478954\/corteconstitucionalcronologico202454587\/t-135-95\/\" class=\"_self pt-cv-href-thumbnail pt-cv-thumb-default\" target=\"_self\" ><\/a>\n<div class=\"pt-cv-taxoterm above_title\"><a href='https:\/\/www.dmsjuridica.com\/buscador_20179478954\/corteconstitucionalcronologico202454587\/category\/buscar-en-toda-la-corte\/1995\/tutelas-1995\/' title='Tutelas 1995' class='pt-cv-tax-tutelas-1995'>Tutelas 1995<\/a><\/div>\n<h4 class=\"pt-cv-title\"><a href=\"https:\/\/www.dmsjuridica.com\/buscador_20179478954\/corteconstitucionalcronologico202454587\/t-135-95\/\" class=\"_self\" target=\"_self\" >T 135 95<\/a><\/h4>\n<div class=\"pt-cv-content\">T-135-95 Sentencia No. T-135\/95 ACCION DE TUTELA-Abuso\/DERECHOS PRESTACIONALES Basta verificar, en el texto de la demanda, las peticiones elevadas por la accionante ante el juez de tutela, para constatar sin lugar a dudas el equivocado uso de la acci\u00f3n. Es evidente que \u00e9sta no estaba encaminada a obtener protecci\u00f3n judicial por posible desconocimiento del derecho de petici\u00f3n, sino que buscaba, contra lo dispuesto en la Constituci\u00f3n y pese a la copiosa jurisprudencia sobre el tema, sustituir los procedimientos ordinarios para que, en el t\u00e9rmino de diez d\u00edas y por una v\u00eda inapropiada, se forzara judicialmente a la Beneficiencia de Cundinamarca ...<br \/><div class=\"pt-cv-rmwrap\"><a href=\"https:\/\/www.dmsjuridica.com\/buscador_20179478954\/corteconstitucionalcronologico202454587\/t-135-95\/\" class=\"_self pt-cv-readmore btn btn-success\" target=\"_self\">Ver Sentencia Completa...<\/a><\/div><\/div><\/div><\/div>\n<div class=\"col-md-12 col-sm-12 col-xs-12 pt-cv-content-item pt-cv-1-col\" ><div class='pt-cv-ifield'><a href=\"https:\/\/www.dmsjuridica.com\/buscador_20179478954\/corteconstitucionalcronologico202454587\/t-134-95\/\" class=\"_self pt-cv-href-thumbnail pt-cv-thumb-default\" target=\"_self\" ><\/a>\n<div class=\"pt-cv-taxoterm above_title\"><a href='https:\/\/www.dmsjuridica.com\/buscador_20179478954\/corteconstitucionalcronologico202454587\/category\/buscar-en-toda-la-corte\/1995\/tutelas-1995\/' title='Tutelas 1995' class='pt-cv-tax-tutelas-1995'>Tutelas 1995<\/a><\/div>\n<h4 class=\"pt-cv-title\"><a href=\"https:\/\/www.dmsjuridica.com\/buscador_20179478954\/corteconstitucionalcronologico202454587\/t-134-95\/\" class=\"_self\" target=\"_self\" >T 134 95<\/a><\/h4>\n<div class=\"pt-cv-content\">T-134-95 Sentencia No. T-134\/95 DERECHO DE PETICION-Vulneraci\u00f3n\/SILENCIO ADMINISTRATIVO -Sala Quinta de Revisi\u00f3n- Ref.: Expediente T-52565 Acci\u00f3n de tutela instaurada por FANNY AURORA NIETO DE MARTINEZ contra la CAJA NACIONAL DE PREVISION SOCIAL Magistrado Ponente: Dr. JOSE GREGORIO HERNANDEZ GALINDO Sentencia aprobada en Santa Fe de Bogot\u00e1, D.C., a los veintisiete (27) d\u00edas del mes de marzo de mil novecientos noventa y cinco (1995). Se revisa el Fallo proferido en el asunto de la referencia por el Juzgado Once Laboral del Circuito de Santa Fe de Bogot\u00e1. I. INFORMACION PRELIMINAR Actuando por conducto de apoderado, FANNY AURORA NIETO DE MARTINEZ ejerci\u00f3 ...<br \/><div class=\"pt-cv-rmwrap\"><a href=\"https:\/\/www.dmsjuridica.com\/buscador_20179478954\/corteconstitucionalcronologico202454587\/t-134-95\/\" class=\"_self pt-cv-readmore btn btn-success\" target=\"_self\">Ver Sentencia Completa...<\/a><\/div><\/div><\/div><\/div>\n<div class=\"col-md-12 col-sm-12 col-xs-12 pt-cv-content-item pt-cv-1-col\" ><div class='pt-cv-ifield'><a href=\"https:\/\/www.dmsjuridica.com\/buscador_20179478954\/corteconstitucionalcronologico202454587\/t-133-95\/\" class=\"_self pt-cv-href-thumbnail pt-cv-thumb-default\" target=\"_self\" ><\/a>\n<div class=\"pt-cv-taxoterm above_title\"><a href='https:\/\/www.dmsjuridica.com\/buscador_20179478954\/corteconstitucionalcronologico202454587\/category\/buscar-en-toda-la-corte\/1995\/tutelas-1995\/' title='Tutelas 1995' class='pt-cv-tax-tutelas-1995'>Tutelas 1995<\/a><\/div>\n<h4 class=\"pt-cv-title\"><a href=\"https:\/\/www.dmsjuridica.com\/buscador_20179478954\/corteconstitucionalcronologico202454587\/t-133-95\/\" class=\"_self\" target=\"_self\" >T 133 95<\/a><\/h4>\n<div class=\"pt-cv-content\">T-133-95 Sentencia No. T-133\/95 PERSONA JURIDICA-Titularidad de derechos fundamentales\/DERECHOS FUNDAMENTALES-Alcance DERECHOS POLITICOS-Titularidad\/DERECHOS COLECTIVOS La complejidad terminol\u00f3gica de estos asuntos impone aceptar que algunos derechos constitucionales fundamentales, como es el caso de los derechos pol\u00edticos, s\u00f3lo son predicables de los ciudadanos y no de todos seres humanos, y que otros tambi\u00e9n se reconocen en su proyecci\u00f3n colectiva, como en el caso de la libertad de cultos y de profesi\u00f3n religiosa, que se regulan de conformidad con el art\u00edculo 19 de la Carta, no s\u00f3lo como un asunto de la persona humana, sino de grupos o de colectividades, que, inclusive, en algunas ...<br \/><div class=\"pt-cv-rmwrap\"><a href=\"https:\/\/www.dmsjuridica.com\/buscador_20179478954\/corteconstitucionalcronologico202454587\/t-133-95\/\" class=\"_self pt-cv-readmore btn btn-success\" target=\"_self\">Ver Sentencia Completa...<\/a><\/div><\/div><\/div><\/div>\n<div class=\"col-md-12 col-sm-12 col-xs-12 pt-cv-content-item pt-cv-1-col\" ><div class='pt-cv-ifield'><a href=\"https:\/\/www.dmsjuridica.com\/buscador_20179478954\/corteconstitucionalcronologico202454587\/t-132-95\/\" class=\"_self pt-cv-href-thumbnail pt-cv-thumb-default\" target=\"_self\" ><\/a>\n<div class=\"pt-cv-taxoterm above_title\"><a href='https:\/\/www.dmsjuridica.com\/buscador_20179478954\/corteconstitucionalcronologico202454587\/category\/buscar-en-toda-la-corte\/1995\/tutelas-1995\/' title='Tutelas 1995' class='pt-cv-tax-tutelas-1995'>Tutelas 1995<\/a><\/div>\n<h4 class=\"pt-cv-title\"><a href=\"https:\/\/www.dmsjuridica.com\/buscador_20179478954\/corteconstitucionalcronologico202454587\/t-132-95\/\" class=\"_self\" target=\"_self\" >T 132 95<\/a><\/h4>\n<div class=\"pt-cv-content\">T-132-95 Sentencia No. T-132\/95 ACCION DE TUTELA-Improcedencia\/PUESTO DE POLICIA-Retiro del sector No es competencia del juez de tutela inmiscuirse en asuntos que no son de su resorte. Pues, por un lado, no conoce las razones que tuvieron las autoridades de polic\u00eda para adoptar la decisi\u00f3n de retirar el puesto que exist\u00eda, y ni aun conoci\u00e9ndolas podr\u00eda ordenar su restablecimiento, pues no existe relaci\u00f3n directa de causalidad entre la suspensi\u00f3n de un puesto de polic\u00eda y la vulneraci\u00f3n de derechos fundamentales invocados por el actor. La Sala no desconoce la importancia de la presencia de las autoridades en los diferentes sitios ...<br \/><div class=\"pt-cv-rmwrap\"><a href=\"https:\/\/www.dmsjuridica.com\/buscador_20179478954\/corteconstitucionalcronologico202454587\/t-132-95\/\" class=\"_self pt-cv-readmore btn btn-success\" target=\"_self\">Ver Sentencia Completa...<\/a><\/div><\/div><\/div><\/div>\n<div class=\"col-md-12 col-sm-12 col-xs-12 pt-cv-content-item pt-cv-1-col\" ><div class='pt-cv-ifield'><a href=\"https:\/\/www.dmsjuridica.com\/buscador_20179478954\/corteconstitucionalcronologico202454587\/t-131-95\/\" class=\"_self pt-cv-href-thumbnail pt-cv-thumb-default\" target=\"_self\" ><\/a>\n<div class=\"pt-cv-taxoterm above_title\"><a href='https:\/\/www.dmsjuridica.com\/buscador_20179478954\/corteconstitucionalcronologico202454587\/category\/buscar-en-toda-la-corte\/1995\/tutelas-1995\/' title='Tutelas 1995' class='pt-cv-tax-tutelas-1995'>Tutelas 1995<\/a><\/div>\n<h4 class=\"pt-cv-title\"><a href=\"https:\/\/www.dmsjuridica.com\/buscador_20179478954\/corteconstitucionalcronologico202454587\/t-131-95\/\" class=\"_self\" target=\"_self\" >T 131 95<\/a><\/h4>\n<div class=\"pt-cv-content\">T-131-95 Sentencia No. T-131\/95 INSTITUTO DE SEGUROS SOCIALES-Tratamiento m\u00e9dico\/MENOR ENFERMO-Protecci\u00f3n\/CALIDAD DE VIDA Un primer grupo lo constituyen los menores, cuyo tratamiento ha sido suspendido por el ISS, despu\u00e9s de haber cumplido su primer a\u00f1o de vida, por no tener su enfermedad un pron\u00f3stico favorable de curaci\u00f3n. No existe raz\u00f3n de car\u00e1cter constitucional, ni muchos menos legal, que le impida al ISS prestar los servicios requeridos por estos menores y cuyo fin, si bien no ser\u00e1 la recuperaci\u00f3n total de sus capacidades f\u00edsicas y mentales, ser\u00e1 la posibilidad de obtener un mejoramiento en su calidad de vida. INSTITUTO DE SEGUROS SOCIALES-Suspensi\u00f3n ...<br \/><div class=\"pt-cv-rmwrap\"><a href=\"https:\/\/www.dmsjuridica.com\/buscador_20179478954\/corteconstitucionalcronologico202454587\/t-131-95\/\" class=\"_self pt-cv-readmore btn btn-success\" target=\"_self\">Ver Sentencia Completa...<\/a><\/div><\/div><\/div><\/div>\n<div class=\"col-md-12 col-sm-12 col-xs-12 pt-cv-content-item pt-cv-1-col\" ><div class='pt-cv-ifield'><a href=\"https:\/\/www.dmsjuridica.com\/buscador_20179478954\/corteconstitucionalcronologico202454587\/t-125-95\/\" class=\"_self pt-cv-href-thumbnail pt-cv-thumb-default\" target=\"_self\" ><\/a>\n<div class=\"pt-cv-taxoterm above_title\"><a href='https:\/\/www.dmsjuridica.com\/buscador_20179478954\/corteconstitucionalcronologico202454587\/category\/buscar-en-toda-la-corte\/1995\/tutelas-1995\/' title='Tutelas 1995' class='pt-cv-tax-tutelas-1995'>Tutelas 1995<\/a><\/div>\n<h4 class=\"pt-cv-title\"><a href=\"https:\/\/www.dmsjuridica.com\/buscador_20179478954\/corteconstitucionalcronologico202454587\/t-125-95\/\" class=\"_self\" target=\"_self\" >T 125 95<\/a><\/h4>\n<div class=\"pt-cv-content\">T-125-95 Sentencia No. T-125\/95 La vinculaci\u00f3n in abstrato del derecho al medio ambiente y los derechos a la vida y a la salud, con el objeto hacer comunicable la naturaleza fundamental de los \u00faltimos al primero, no es admisible, ya que con ello termina por desconocerse la distinci\u00f3n entre derechos colectivos y derechos fundamentales, y se prescinde de la evidencia emp\u00edrica necesaria para demostrar la conexidad existente entre unos y otros en el caso concreto. Si bien la \u00f3rbita de protecci\u00f3n de un derecho colectivo cobija indirectamente la efectividad de derechos fundamentales, y la relaci\u00f3n entre ambiente sano y vida ...<br \/><div class=\"pt-cv-rmwrap\"><a href=\"https:\/\/www.dmsjuridica.com\/buscador_20179478954\/corteconstitucionalcronologico202454587\/t-125-95\/\" class=\"_self pt-cv-readmore btn btn-success\" target=\"_self\">Ver Sentencia Completa...<\/a><\/div><\/div><\/div><\/div>\n<div class=\"col-md-12 col-sm-12 col-xs-12 pt-cv-content-item pt-cv-1-col\" ><div class='pt-cv-ifield'><a href=\"https:\/\/www.dmsjuridica.com\/buscador_20179478954\/corteconstitucionalcronologico202454587\/t-124-95\/\" class=\"_self pt-cv-href-thumbnail pt-cv-thumb-default\" target=\"_self\" ><\/a>\n<div class=\"pt-cv-taxoterm above_title\"><a href='https:\/\/www.dmsjuridica.com\/buscador_20179478954\/corteconstitucionalcronologico202454587\/category\/buscar-en-toda-la-corte\/1995\/tutelas-1995\/' title='Tutelas 1995' class='pt-cv-tax-tutelas-1995'>Tutelas 1995<\/a><\/div>\n<h4 class=\"pt-cv-title\"><a href=\"https:\/\/www.dmsjuridica.com\/buscador_20179478954\/corteconstitucionalcronologico202454587\/t-124-95\/\" class=\"_self\" target=\"_self\" >T 124 95<\/a><\/h4>\n<div class=\"pt-cv-content\">T-124-95 Sentencia No. T-124\/95 SUSPENSION DE AFILIACION La interpretaci\u00f3n que hace el Juez de segunda instancia del art\u00edculo 209 de la Ley 100 de 1993, sobre suspensi\u00f3n de la afiliaci\u00f3n, resulta equivocada, puesto que lo que se\u00f1ala ese precepto es que el no pago de las cotizaciones en el sistema contributivo producir\u00e1 la suspensi\u00f3n de la afiliaci\u00f3n del plan de salud obligatorio. Hip\u00f3tesis legal \u00e9sta, que no es predicable de los hechos acreditados en el acervo probatorio. Resultando aquella predicable de situaciones de mora al momento de producirse el riesgo amparado, y no de situaciones como la que conforma el ...<br \/><div class=\"pt-cv-rmwrap\"><a href=\"https:\/\/www.dmsjuridica.com\/buscador_20179478954\/corteconstitucionalcronologico202454587\/t-124-95\/\" class=\"_self pt-cv-readmore btn btn-success\" target=\"_self\">Ver Sentencia Completa...<\/a><\/div><\/div><\/div><\/div>\n<div class=\"col-md-12 col-sm-12 col-xs-12 pt-cv-content-item pt-cv-1-col\" ><div class='pt-cv-ifield'><a href=\"https:\/\/www.dmsjuridica.com\/buscador_20179478954\/corteconstitucionalcronologico202454587\/t-123-95\/\" class=\"_self pt-cv-href-thumbnail pt-cv-thumb-default\" target=\"_self\" ><\/a>\n<div class=\"pt-cv-taxoterm above_title\"><a href='https:\/\/www.dmsjuridica.com\/buscador_20179478954\/corteconstitucionalcronologico202454587\/category\/buscar-en-toda-la-corte\/1995\/tutelas-1995\/' title='Tutelas 1995' class='pt-cv-tax-tutelas-1995'>Tutelas 1995<\/a><\/div>\n<h4 class=\"pt-cv-title\"><a href=\"https:\/\/www.dmsjuridica.com\/buscador_20179478954\/corteconstitucionalcronologico202454587\/t-123-95\/\" class=\"_self\" target=\"_self\" >T 123 95<\/a><\/h4>\n<div class=\"pt-cv-content\">T-123-95 Sentencia No. T-123\/95 PRINCIPIO DE IGUALDAD\/AUTONOMIA FUNCIONAL\/PRINCIPIO DE AUTONOMIA FUNCIONAL DEL JUEZ Se vulnera el principio de igualdad si se otorga un trato desigual a quienes se hallan en la misma situaci\u00f3n, sin que medie una justificaci\u00f3n objetiva y razonable. En materia judicial el principio de igualdad no puede entenderse de manera absoluta, lo que no quiere decir que pierda vigencia. La Constituci\u00f3n reconoce a los jueces un margen apreciable de autonom\u00eda funcional, siempre que se sujeten al imperio de la ley. De otra parte, la jurisprudencia tiene s\u00f3lo el car\u00e1cter de criterio auxiliar. JURISPRUDENCIA CONSTITUCIONAL-Criterio Auxiliar\/PRINCIPIO DE AUTONOMIA ...<br \/><div class=\"pt-cv-rmwrap\"><a href=\"https:\/\/www.dmsjuridica.com\/buscador_20179478954\/corteconstitucionalcronologico202454587\/t-123-95\/\" class=\"_self pt-cv-readmore btn btn-success\" target=\"_self\">Ver Sentencia Completa...<\/a><\/div><\/div><\/div><\/div>\n<div class=\"col-md-12 col-sm-12 col-xs-12 pt-cv-content-item pt-cv-1-col\" ><div class='pt-cv-ifield'><a href=\"https:\/\/www.dmsjuridica.com\/buscador_20179478954\/corteconstitucionalcronologico202454587\/t-122-95\/\" class=\"_self pt-cv-href-thumbnail pt-cv-thumb-default\" target=\"_self\" ><\/a>\n<div class=\"pt-cv-taxoterm above_title\"><a href='https:\/\/www.dmsjuridica.com\/buscador_20179478954\/corteconstitucionalcronologico202454587\/category\/buscar-en-toda-la-corte\/1995\/tutelas-1995\/' title='Tutelas 1995' class='pt-cv-tax-tutelas-1995'>Tutelas 1995<\/a><\/div>\n<h4 class=\"pt-cv-title\"><a href=\"https:\/\/www.dmsjuridica.com\/buscador_20179478954\/corteconstitucionalcronologico202454587\/t-122-95\/\" class=\"_self\" target=\"_self\" >T 122 95<\/a><\/h4>\n<div class=\"pt-cv-content\">T-122-95 Sentencia No. T-122\/95 LEGITIMACION POR ACTIVA EN TUTELA\/AGENCIA OFICIOSA EN TUTELA\/PERSONERO ESTUDIANTIL-Facultades ESTABLECIMIENTO EDUCATIVO-Proximidad a ca\u00f1o de aguas negras\/SERVICIO PUBLICO DE ACUEDUCTO En el expediente no existe prueba sobre lo afirmado por el accionante en el sentido de que la proximidad de unos ca\u00f1os al establecimiento educativo en que estudia est\u00e9 caus\u00e1ndole un da\u00f1o actual o configure una amenaza cierta y pr\u00f3xima contra su vida o su salud. La acci\u00f3n de tutela no puede ser concedida. Queda expedita, a favor de quienes se consideren afectados, la v\u00eda indicada en el art\u00edculo 87 de la Constituci\u00f3n y en el 77 ...<br \/><div class=\"pt-cv-rmwrap\"><a href=\"https:\/\/www.dmsjuridica.com\/buscador_20179478954\/corteconstitucionalcronologico202454587\/t-122-95\/\" class=\"_self pt-cv-readmore btn btn-success\" target=\"_self\">Ver Sentencia Completa...<\/a><\/div><\/div><\/div><\/div>\n<div class=\"col-md-12 col-sm-12 col-xs-12 pt-cv-content-item pt-cv-1-col\" ><div class='pt-cv-ifield'><a href=\"https:\/\/www.dmsjuridica.com\/buscador_20179478954\/corteconstitucionalcronologico202454587\/t-121-95\/\" class=\"_self pt-cv-href-thumbnail pt-cv-thumb-default\" target=\"_self\" ><\/a>\n<div class=\"pt-cv-taxoterm above_title\"><a href='https:\/\/www.dmsjuridica.com\/buscador_20179478954\/corteconstitucionalcronologico202454587\/category\/buscar-en-toda-la-corte\/1995\/tutelas-1995\/' title='Tutelas 1995' class='pt-cv-tax-tutelas-1995'>Tutelas 1995<\/a><\/div>\n<h4 class=\"pt-cv-title\"><a href=\"https:\/\/www.dmsjuridica.com\/buscador_20179478954\/corteconstitucionalcronologico202454587\/t-121-95\/\" class=\"_self\" target=\"_self\" >T 121 95<\/a><\/h4>\n<div class=\"pt-cv-content\">T-121-95 Sentencia T-121\/95 DERECHO DE PETICION El sentido del derecho de petici\u00f3n es el de asegurar una v\u00eda expedita para que el gobernado sea o\u00eddo por los gobernantes y para que sus solicitudes, en inter\u00e9s general o particular, reciban curso adecuado y sean objeto de r\u00e1pida y eficiente definici\u00f3n. En modo alguno compromete a la Administraci\u00f3n a adoptar resoluci\u00f3n favorable, pues ello -a menos que se trate de actos reglados, que simplemente reconozcan el cumplimiento de los requisitos exigidos por la ley al solicitante, quien en tal evento puede reclamar que se le conceda lo pedido- significar\u00eda inaceptable recorte a ...<br \/><div class=\"pt-cv-rmwrap\"><a href=\"https:\/\/www.dmsjuridica.com\/buscador_20179478954\/corteconstitucionalcronologico202454587\/t-121-95\/\" class=\"_self pt-cv-readmore btn btn-success\" target=\"_self\">Ver Sentencia Completa...<\/a><\/div><\/div><\/div><\/div>\n<div class=\"col-md-12 col-sm-12 col-xs-12 pt-cv-content-item pt-cv-1-col\" ><div class='pt-cv-ifield'><a href=\"https:\/\/www.dmsjuridica.com\/buscador_20179478954\/corteconstitucionalcronologico202454587\/t-120-95\/\" class=\"_self pt-cv-href-thumbnail pt-cv-thumb-default\" target=\"_self\" ><\/a>\n<div class=\"pt-cv-taxoterm above_title\"><a href='https:\/\/www.dmsjuridica.com\/buscador_20179478954\/corteconstitucionalcronologico202454587\/category\/buscar-en-toda-la-corte\/1995\/tutelas-1995\/' title='Tutelas 1995' class='pt-cv-tax-tutelas-1995'>Tutelas 1995<\/a><\/div>\n<h4 class=\"pt-cv-title\"><a href=\"https:\/\/www.dmsjuridica.com\/buscador_20179478954\/corteconstitucionalcronologico202454587\/t-120-95\/\" class=\"_self\" target=\"_self\" >T 120 95<\/a><\/h4>\n<div class=\"pt-cv-content\">T-120-95 Sentencia No. T-120\/95 CLUB DEPORTIVO\/CONTROVERSIA DEPORTIVA Los clubes deportivos son personas jur\u00eddicas de Derecho Privado, no prestan un servicio p\u00fablico y aunque su actividad interesa -y de modo relevante- a la colectividad, ese inter\u00e9s es puramente recreativo, de esparcimiento y distracci\u00f3n y en modo alguno relacionado con actividades que en s\u00ed mismas afecten o pongan en peligro derechos fundamentales. Pretender que los jueces decidan cu\u00e1ndo un t\u00e9cnico de f\u00fatbol o de otro deporte acierta en sus determinaciones resulta tan descabellado e impropio como aspirar a que los especialistas deportivos adopten las decisiones confiadas por la ley a los tribunales ...<br \/><div class=\"pt-cv-rmwrap\"><a href=\"https:\/\/www.dmsjuridica.com\/buscador_20179478954\/corteconstitucionalcronologico202454587\/t-120-95\/\" class=\"_self pt-cv-readmore btn btn-success\" target=\"_self\">Ver Sentencia Completa...<\/a><\/div><\/div><\/div><\/div>\n<div class=\"col-md-12 col-sm-12 col-xs-12 pt-cv-content-item pt-cv-1-col\" ><div class='pt-cv-ifield'><a href=\"https:\/\/www.dmsjuridica.com\/buscador_20179478954\/corteconstitucionalcronologico202454587\/t-119-95\/\" class=\"_self pt-cv-href-thumbnail pt-cv-thumb-default\" target=\"_self\" ><\/a>\n<div class=\"pt-cv-taxoterm above_title\"><a href='https:\/\/www.dmsjuridica.com\/buscador_20179478954\/corteconstitucionalcronologico202454587\/category\/buscar-en-toda-la-corte\/1995\/tutelas-1995\/' title='Tutelas 1995' class='pt-cv-tax-tutelas-1995'>Tutelas 1995<\/a><\/div>\n<h4 class=\"pt-cv-title\"><a href=\"https:\/\/www.dmsjuridica.com\/buscador_20179478954\/corteconstitucionalcronologico202454587\/t-119-95\/\" class=\"_self\" target=\"_self\" >T 119 95<\/a><\/h4>\n<div class=\"pt-cv-content\">T-119-95 Sentencia No. T-119\/95 CONDUCTA LEGITIMA DE PARTICULAR La conducta leg\u00edtima del particular es, entonces, la que tiene respaldo en el ordenamiento jur\u00eddico vigente al momento de actuar. Si el juez la encuentra configurada al analizar los hechos que se someten a su consideraci\u00f3n, sin que, por otra parte, se pueda establecer un ejercicio abusivo de sus derechos, no le est\u00e1 permitido conceder una tutela contra aqu\u00e9l, pues ello significar\u00eda deducirle responsabilidad por haberse ce\u00f1ido a los mandatos que lo vinculaban. Al contrario, probada la violaci\u00f3n o la amenaza de un derecho fundamental como consecuencia del comportamiento ileg\u00edtimo del particular ...<br \/><div class=\"pt-cv-rmwrap\"><a href=\"https:\/\/www.dmsjuridica.com\/buscador_20179478954\/corteconstitucionalcronologico202454587\/t-119-95\/\" class=\"_self pt-cv-readmore btn btn-success\" target=\"_self\">Ver Sentencia Completa...<\/a><\/div><\/div><\/div><\/div>\n<div class=\"col-md-12 col-sm-12 col-xs-12 pt-cv-content-item pt-cv-1-col\" ><div class='pt-cv-ifield'><a href=\"https:\/\/www.dmsjuridica.com\/buscador_20179478954\/corteconstitucionalcronologico202454587\/t-118-95\/\" class=\"_self pt-cv-href-thumbnail pt-cv-thumb-default\" target=\"_self\" ><\/a>\n<div class=\"pt-cv-taxoterm above_title\"><a href='https:\/\/www.dmsjuridica.com\/buscador_20179478954\/corteconstitucionalcronologico202454587\/category\/buscar-en-toda-la-corte\/1995\/tutelas-1995\/' title='Tutelas 1995' class='pt-cv-tax-tutelas-1995'>Tutelas 1995<\/a><\/div>\n<h4 class=\"pt-cv-title\"><a href=\"https:\/\/www.dmsjuridica.com\/buscador_20179478954\/corteconstitucionalcronologico202454587\/t-118-95\/\" class=\"_self\" target=\"_self\" >T 118 95<\/a><\/h4>\n<div class=\"pt-cv-content\">T-118-95 Sentencia No. T-118\/95 IMPUGNACION FALLO DE TUTELA \/JUEZ DE TUTELA-Incumplimiento de su funci\u00f3n\/DETENCION DOMICILIARIA La impugnaci\u00f3n es un derecho, reconocido directamente por la Carta a las partes que intervienen dentro del proceso, para que, si la decisi\u00f3n adoptada no las favorece o no les satisface, acudan ante el juez competente seg\u00fan la definici\u00f3n que haga la ley -el superior jer\u00e1rquico correspondiente, al tenor del art\u00edculo 32 del Decreto 2591 de 1991-, en solicitud de nuevo estudio del caso. Se trata, pues, de un derecho de naturaleza constitucional cuyo ejercicio no depende de la procedencia o improcedencia de la acci\u00f3n ...<br \/><div class=\"pt-cv-rmwrap\"><a href=\"https:\/\/www.dmsjuridica.com\/buscador_20179478954\/corteconstitucionalcronologico202454587\/t-118-95\/\" class=\"_self pt-cv-readmore btn btn-success\" target=\"_self\">Ver Sentencia Completa...<\/a><\/div><\/div><\/div><\/div>\n<div class=\"col-md-12 col-sm-12 col-xs-12 pt-cv-content-item pt-cv-1-col\" ><div class='pt-cv-ifield'><a href=\"https:\/\/www.dmsjuridica.com\/buscador_20179478954\/corteconstitucionalcronologico202454587\/t-117-95\/\" class=\"_self pt-cv-href-thumbnail pt-cv-thumb-default\" target=\"_self\" ><\/a>\n<div class=\"pt-cv-taxoterm above_title\"><a href='https:\/\/www.dmsjuridica.com\/buscador_20179478954\/corteconstitucionalcronologico202454587\/category\/buscar-en-toda-la-corte\/1995\/tutelas-1995\/' title='Tutelas 1995' class='pt-cv-tax-tutelas-1995'>Tutelas 1995<\/a><\/div>\n<h4 class=\"pt-cv-title\"><a href=\"https:\/\/www.dmsjuridica.com\/buscador_20179478954\/corteconstitucionalcronologico202454587\/t-117-95\/\" class=\"_self\" target=\"_self\" >T 117 95<\/a><\/h4>\n<div class=\"pt-cv-content\">T-117-95 Sentencia No. T-117\/95 ACCION DE TUTELA-Abuso\/PRESTACIONES LABORALES-Pago El s\u00f3lo enunciado de las pretensiones contenidas en la demanda permite afirmar que \u00e9sta, corresponde a una palmaria desviaci\u00f3n de los objetivos y la naturaleza de la acci\u00f3n de tutela, pues se la ha querido usar con el declarado prop\u00f3sito de sustituir los procedimientos ordinarios que la ley consagra para la soluci\u00f3n de conflictos en materia laboral. Resulta a todas luces improcedente la tutela, aun como mecanismo transitorio, para buscar que se decrete el pago de prestaciones o indemnizaciones, por cuanto aceptar que la competencia correspondiente cabe dentro de las atribuciones subsidiarias ...<br \/><div class=\"pt-cv-rmwrap\"><a href=\"https:\/\/www.dmsjuridica.com\/buscador_20179478954\/corteconstitucionalcronologico202454587\/t-117-95\/\" class=\"_self pt-cv-readmore btn btn-success\" target=\"_self\">Ver Sentencia Completa...<\/a><\/div><\/div><\/div><\/div>\n<div class=\"col-md-12 col-sm-12 col-xs-12 pt-cv-content-item pt-cv-1-col\" ><div class='pt-cv-ifield'><a href=\"https:\/\/www.dmsjuridica.com\/buscador_20179478954\/corteconstitucionalcronologico202454587\/t-116-95\/\" class=\"_self pt-cv-href-thumbnail pt-cv-thumb-default\" target=\"_self\" ><\/a>\n<div class=\"pt-cv-taxoterm above_title\"><a href='https:\/\/www.dmsjuridica.com\/buscador_20179478954\/corteconstitucionalcronologico202454587\/category\/buscar-en-toda-la-corte\/1995\/tutelas-1995\/' title='Tutelas 1995' class='pt-cv-tax-tutelas-1995'>Tutelas 1995<\/a><\/div>\n<h4 class=\"pt-cv-title\"><a href=\"https:\/\/www.dmsjuridica.com\/buscador_20179478954\/corteconstitucionalcronologico202454587\/t-116-95\/\" class=\"_self\" target=\"_self\" >T 116 95<\/a><\/h4>\n<div class=\"pt-cv-content\">T-116-95 Sentencia No. T-116\/95 DEBERES DE LOS PADRES Si bien son prioritarios y de ineludible cumplimiento, los deberes de los padres no se agotan en la obtenci\u00f3n de los recursos econ\u00f3micos indispensables para garantizar a sus miembros elementos materiales como la vivienda digna, la manutenci\u00f3n, el vestuario y la educaci\u00f3n contratada con establecimientos p\u00fablicos o privados, sino que entre aqu\u00e9llos se destacan como esenciales a su funci\u00f3n los relacionados con la formaci\u00f3n moral e intelectual de los hijos, desde las primeras edades. FACULTAD SANCIONATORIA DE LOS PADRES\/CASTIGO AL NI\u00d1O Cuando se trata de establecer la metodolog\u00eda o los procedimientos que ...<br \/><div class=\"pt-cv-rmwrap\"><a href=\"https:\/\/www.dmsjuridica.com\/buscador_20179478954\/corteconstitucionalcronologico202454587\/t-116-95\/\" class=\"_self pt-cv-readmore btn btn-success\" target=\"_self\">Ver Sentencia Completa...<\/a><\/div><\/div><\/div><\/div>\n<div class=\"col-md-12 col-sm-12 col-xs-12 pt-cv-content-item pt-cv-1-col\" ><div class='pt-cv-ifield'><a href=\"https:\/\/www.dmsjuridica.com\/buscador_20179478954\/corteconstitucionalcronologico202454587\/t-115-95\/\" class=\"_self pt-cv-href-thumbnail pt-cv-thumb-default\" target=\"_self\" ><\/a>\n<div class=\"pt-cv-taxoterm above_title\"><a href='https:\/\/www.dmsjuridica.com\/buscador_20179478954\/corteconstitucionalcronologico202454587\/category\/buscar-en-toda-la-corte\/1995\/tutelas-1995\/' title='Tutelas 1995' class='pt-cv-tax-tutelas-1995'>Tutelas 1995<\/a><\/div>\n<h4 class=\"pt-cv-title\"><a href=\"https:\/\/www.dmsjuridica.com\/buscador_20179478954\/corteconstitucionalcronologico202454587\/t-115-95\/\" class=\"_self\" target=\"_self\" >T 115 95<\/a><\/h4>\n<div class=\"pt-cv-content\">T-115-95 Sentencia No. T-115\/95 DERECHO AL ESPACIO PUBLICO\/DERECHO AL TRABAJO-Coexistencia\/VENDEDOR AMBULANTE Del libre ejercicio del derecho fundamental al trabajo depende la subsistencia de las familias del vendedor o comerciante informal, su ocupaci\u00f3n del espacio p\u00fablico no est\u00e1 legitimada por la Constituci\u00f3n. Cuando una autoridad local se proponga recuperar el espacio p\u00fablico ocupado por comerciantes informales \"deber\u00e1 dise\u00f1ar y ejecutar un adecuado y razonable plan de reubicaci\u00f3n, de manera que se concilien en la pr\u00e1ctica los intereses encontrados. ADMINISTRACION PUBLICA-Ineficiencia Una actuaci\u00f3n desordenada e ineficiente de la administraci\u00f3n, aunque el objetivo buscado con ella sea la prevalencia del inter\u00e9s general sobre ...<br \/><div class=\"pt-cv-rmwrap\"><a href=\"https:\/\/www.dmsjuridica.com\/buscador_20179478954\/corteconstitucionalcronologico202454587\/t-115-95\/\" class=\"_self pt-cv-readmore btn btn-success\" target=\"_self\">Ver Sentencia Completa...<\/a><\/div><\/div><\/div><\/div>\n<div class=\"col-md-12 col-sm-12 col-xs-12 pt-cv-content-item pt-cv-1-col\" ><div class='pt-cv-ifield'><a href=\"https:\/\/www.dmsjuridica.com\/buscador_20179478954\/corteconstitucionalcronologico202454587\/t-114-95\/\" class=\"_self pt-cv-href-thumbnail pt-cv-thumb-default\" target=\"_self\" ><\/a>\n<div class=\"pt-cv-taxoterm above_title\"><a href='https:\/\/www.dmsjuridica.com\/buscador_20179478954\/corteconstitucionalcronologico202454587\/category\/buscar-en-toda-la-corte\/1995\/tutelas-1995\/' title='Tutelas 1995' class='pt-cv-tax-tutelas-1995'>Tutelas 1995<\/a><\/div>\n<h4 class=\"pt-cv-title\"><a href=\"https:\/\/www.dmsjuridica.com\/buscador_20179478954\/corteconstitucionalcronologico202454587\/t-114-95\/\" class=\"_self\" target=\"_self\" >T 114 95<\/a><\/h4>\n<div class=\"pt-cv-content\">T-114-95 Sentencia No. T-114\/95 En detrimento del debido proceso, el demandante no fue o\u00eddo antes de ser sancionado con la cancelaci\u00f3n de su matr\u00edcula; no tuvo ocasi\u00f3n de defenderse; no fue castigado con base en un acervo probatorio o de acuerdo a una falta grave prevista en el reglamento, y tampoco fue penalizado respetando el principio de la proporcionalidad. Cuando el reglamento del Colegio adolezca de un procedimiento espec\u00edfico y claro para la resoluci\u00f3n de este tipo de asuntos lo menos que puede esperarse de sus directores es que oigan a los presuntos infractores. Lo contrario ser\u00eda dar al alumnado ...<br \/><div class=\"pt-cv-rmwrap\"><a href=\"https:\/\/www.dmsjuridica.com\/buscador_20179478954\/corteconstitucionalcronologico202454587\/t-114-95\/\" class=\"_self pt-cv-readmore btn btn-success\" target=\"_self\">Ver Sentencia Completa...<\/a><\/div><\/div><\/div><\/div>\n<div class=\"col-md-12 col-sm-12 col-xs-12 pt-cv-content-item pt-cv-1-col\" ><div class='pt-cv-ifield'><a href=\"https:\/\/www.dmsjuridica.com\/buscador_20179478954\/corteconstitucionalcronologico202454587\/t-113-95\/\" class=\"_self pt-cv-href-thumbnail pt-cv-thumb-default\" target=\"_self\" ><\/a>\n<div class=\"pt-cv-taxoterm above_title\"><a href='https:\/\/www.dmsjuridica.com\/buscador_20179478954\/corteconstitucionalcronologico202454587\/category\/buscar-en-toda-la-corte\/1995\/tutelas-1995\/' title='Tutelas 1995' class='pt-cv-tax-tutelas-1995'>Tutelas 1995<\/a><\/div>\n<h4 class=\"pt-cv-title\"><a href=\"https:\/\/www.dmsjuridica.com\/buscador_20179478954\/corteconstitucionalcronologico202454587\/t-113-95\/\" class=\"_self\" target=\"_self\" >T 113 95<\/a><\/h4>\n<div class=\"pt-cv-content\">T-113-95 Sentencia No. T-113\/95 DERECHO A LA SALUD\/DERECHOS FUNDAMENTALES El derecho a la salud, cuando su vulneraci\u00f3n o amenaza compromete otros derechos fundamentales como la vida, la integridad o el trabajo, goza de car\u00e1cter fundamental y es susceptible de ser protegido por v\u00eda de la acci\u00f3n de tutela\u201d. IUS VARIANDI-Contenido \u201cEl ius variandi no es absoluto. Est\u00e1 limitado, ante todo, por la norma constitucional que exige para el trabajo condiciones dignas y justas, as\u00ed como por los principios m\u00ednimos fundamentales se\u00f1alados por el art\u00edculo 53 de la Carta en lo que concierne al estatuto del trabajo. Y, por supuesto, su ...<br \/><div class=\"pt-cv-rmwrap\"><a href=\"https:\/\/www.dmsjuridica.com\/buscador_20179478954\/corteconstitucionalcronologico202454587\/t-113-95\/\" class=\"_self pt-cv-readmore btn btn-success\" target=\"_self\">Ver Sentencia Completa...<\/a><\/div><\/div><\/div><\/div>\n<div class=\"col-md-12 col-sm-12 col-xs-12 pt-cv-content-item pt-cv-1-col\" ><div class='pt-cv-ifield'><a href=\"https:\/\/www.dmsjuridica.com\/buscador_20179478954\/corteconstitucionalcronologico202454587\/t-112-95\/\" class=\"_self pt-cv-href-thumbnail pt-cv-thumb-default\" target=\"_self\" ><\/a>\n<div class=\"pt-cv-taxoterm above_title\"><a href='https:\/\/www.dmsjuridica.com\/buscador_20179478954\/corteconstitucionalcronologico202454587\/category\/buscar-en-toda-la-corte\/1995\/tutelas-1995\/' title='Tutelas 1995' class='pt-cv-tax-tutelas-1995'>Tutelas 1995<\/a><\/div>\n<h4 class=\"pt-cv-title\"><a href=\"https:\/\/www.dmsjuridica.com\/buscador_20179478954\/corteconstitucionalcronologico202454587\/t-112-95\/\" class=\"_self\" target=\"_self\" >T 112 95<\/a><\/h4>\n<div class=\"pt-cv-content\">T-112-95 Sentencia No. T-112\/95 DERECHO A LA SALUD-Improcedencia No encuentra esta Sala que se haya probado violaci\u00f3n o amenaza en contra del derecho a la salud, pues ya la empresa estaba funcionando cuando los peticionarios se establecieron donde hoy viven; lo estaba haciendo en un \u00e1rea destinada a actividades mineras y, en esa clase de zonas, no est\u00e1 permitido el establecimiento de viviendas, seg\u00fan las normas urban\u00edsticas vigentes. DERECHOS FUNDAMENTALES-Amenaza\/TRITURADORA EL DIAMANTE-Actividad industrial\/ZONAS DE ALTO RIESGO-Terreno erosionado\/NORMA URBANISTICA-Contravenci\u00f3n El medio en el que est\u00e1 situada la casa del actor no es el \u00f3ptimo para usos residenciales. \u00c9l y sus vecinos ...<br \/><div class=\"pt-cv-rmwrap\"><a href=\"https:\/\/www.dmsjuridica.com\/buscador_20179478954\/corteconstitucionalcronologico202454587\/t-112-95\/\" class=\"_self pt-cv-readmore btn btn-success\" target=\"_self\">Ver Sentencia Completa...<\/a><\/div><\/div><\/div><\/div>\n<div class=\"col-md-12 col-sm-12 col-xs-12 pt-cv-content-item pt-cv-1-col\" ><div class='pt-cv-ifield'><a href=\"https:\/\/www.dmsjuridica.com\/buscador_20179478954\/corteconstitucionalcronologico202454587\/t-111-95\/\" class=\"_self pt-cv-href-thumbnail pt-cv-thumb-default\" target=\"_self\" ><\/a>\n<div class=\"pt-cv-taxoterm above_title\"><a href='https:\/\/www.dmsjuridica.com\/buscador_20179478954\/corteconstitucionalcronologico202454587\/category\/buscar-en-toda-la-corte\/1995\/tutelas-1995\/' title='Tutelas 1995' class='pt-cv-tax-tutelas-1995'>Tutelas 1995<\/a><\/div>\n<h4 class=\"pt-cv-title\"><a href=\"https:\/\/www.dmsjuridica.com\/buscador_20179478954\/corteconstitucionalcronologico202454587\/t-111-95\/\" class=\"_self\" target=\"_self\" >T 111 95<\/a><\/h4>\n<div class=\"pt-cv-content\">T-111-95 Sentencia No. T-111\/95 PERSONA JURIDICA\/DERECHOS COLECTIVOS\/ACCION POPULAR Aunque las personas jur\u00eddicas pueden actuar como demandantes en v\u00eda de tutela, para solicitar el amparo de ciertos derechos que a ellas se les imputan, la presente acci\u00f3n no procede porque versa sobre un derecho colectivo cuya protecci\u00f3n judicial debe buscarse a trav\u00e9s de una acci\u00f3n popular y no existe un perjuicio irremediable que se pueda evitar con ella a los miembros de la fundaci\u00f3n demandante; adem\u00e1s, las pretensiones adolecen de falta de objeto. DERECHO DE PARTICIPACION CIUDADANA\/ACCION DE TUTELA-Carencia actual de objeto El Gobernador, representando al departamento en la junta de ...<br \/><div class=\"pt-cv-rmwrap\"><a href=\"https:\/\/www.dmsjuridica.com\/buscador_20179478954\/corteconstitucionalcronologico202454587\/t-111-95\/\" class=\"_self pt-cv-readmore btn btn-success\" target=\"_self\">Ver Sentencia Completa...<\/a><\/div><\/div><\/div><\/div>\n<div class=\"col-md-12 col-sm-12 col-xs-12 pt-cv-content-item pt-cv-1-col\" ><div class='pt-cv-ifield'><a href=\"https:\/\/www.dmsjuridica.com\/buscador_20179478954\/corteconstitucionalcronologico202454587\/t-110-95\/\" class=\"_self pt-cv-href-thumbnail pt-cv-thumb-default\" target=\"_self\" ><\/a>\n<div class=\"pt-cv-taxoterm above_title\"><a href='https:\/\/www.dmsjuridica.com\/buscador_20179478954\/corteconstitucionalcronologico202454587\/category\/buscar-en-toda-la-corte\/1995\/tutelas-1995\/' title='Tutelas 1995' class='pt-cv-tax-tutelas-1995'>Tutelas 1995<\/a><\/div>\n<h4 class=\"pt-cv-title\"><a href=\"https:\/\/www.dmsjuridica.com\/buscador_20179478954\/corteconstitucionalcronologico202454587\/t-110-95\/\" class=\"_self\" target=\"_self\" >T 110 95<\/a><\/h4>\n<div class=\"pt-cv-content\">T-110-95 Sentencia No. T-110\/95 DERECHOS DEL NI\u00d1O-Cuidado personal de la madre El lazo afectivo que inexorablemente existe entre el reci\u00e9n nacido y la madre o la persona que lo cuida, simboliza el mas alto de los grados de solidaridad natural, que lo adecua al medio en pos de un mejor desenvolvimiento personal en sus relaciones futuras. A trav\u00e9s de esa relaci\u00f3n primigenia, se le garantiza a el ni\u00f1o su desarrollo arm\u00f3nico e integral, de tal manera que la asunci\u00f3n de la noble misi\u00f3n maternal crea una actitud filial que repercute profundamente en la estabilidad socio-emocional del menor, lo cual facilita ...<br \/><div class=\"pt-cv-rmwrap\"><a href=\"https:\/\/www.dmsjuridica.com\/buscador_20179478954\/corteconstitucionalcronologico202454587\/t-110-95\/\" class=\"_self pt-cv-readmore btn btn-success\" target=\"_self\">Ver Sentencia Completa...<\/a><\/div><\/div><\/div><\/div>\n<div class=\"col-md-12 col-sm-12 col-xs-12 pt-cv-content-item pt-cv-1-col\" ><div class='pt-cv-ifield'><a href=\"https:\/\/www.dmsjuridica.com\/buscador_20179478954\/corteconstitucionalcronologico202454587\/t-103-95\/\" class=\"_self pt-cv-href-thumbnail pt-cv-thumb-default\" target=\"_self\" ><\/a>\n<div class=\"pt-cv-taxoterm above_title\"><a href='https:\/\/www.dmsjuridica.com\/buscador_20179478954\/corteconstitucionalcronologico202454587\/category\/buscar-en-toda-la-corte\/1995\/tutelas-1995\/' title='Tutelas 1995' class='pt-cv-tax-tutelas-1995'>Tutelas 1995<\/a><\/div>\n<h4 class=\"pt-cv-title\"><a href=\"https:\/\/www.dmsjuridica.com\/buscador_20179478954\/corteconstitucionalcronologico202454587\/t-103-95\/\" class=\"_self\" target=\"_self\" >T 103 95<\/a><\/h4>\n<div class=\"pt-cv-content\">T-103-95 Sentencia No. T-103\/95 DERECHO DE PETICION-Pronta Resoluci\u00f3n SILENCIO ADMINISTRATIVO NEGATIVO No es admisible la tesis seg\u00fan la cual el silencio administrativo negativo constituye un medio de defensa judicial por cuya presencia se haga improcedente la acci\u00f3n de tutela. El silencio administrativo es un presupuesto para someter a la jurisdicci\u00f3n la contienda sobre dicha materia pero no un medio de defensa judicial del derecho de petici\u00f3n en los t\u00e9rminos del art\u00edculo 86 de la Carta. Ese eventual uso de los recursos por la v\u00eda gubernativa no impide la acci\u00f3n de tutela, pues ellos no constituyen medio de defensa judicial ante ...<br \/><div class=\"pt-cv-rmwrap\"><a href=\"https:\/\/www.dmsjuridica.com\/buscador_20179478954\/corteconstitucionalcronologico202454587\/t-103-95\/\" class=\"_self pt-cv-readmore btn btn-success\" target=\"_self\">Ver Sentencia Completa...<\/a><\/div><\/div><\/div><\/div>\n<div class=\"col-md-12 col-sm-12 col-xs-12 pt-cv-content-item pt-cv-1-col\" ><div class='pt-cv-ifield'><a href=\"https:\/\/www.dmsjuridica.com\/buscador_20179478954\/corteconstitucionalcronologico202454587\/t-102-95\/\" class=\"_self pt-cv-href-thumbnail pt-cv-thumb-default\" target=\"_self\" ><\/a>\n<div class=\"pt-cv-taxoterm above_title\"><a href='https:\/\/www.dmsjuridica.com\/buscador_20179478954\/corteconstitucionalcronologico202454587\/category\/buscar-en-toda-la-corte\/1995\/tutelas-1995\/' title='Tutelas 1995' class='pt-cv-tax-tutelas-1995'>Tutelas 1995<\/a><\/div>\n<h4 class=\"pt-cv-title\"><a href=\"https:\/\/www.dmsjuridica.com\/buscador_20179478954\/corteconstitucionalcronologico202454587\/t-102-95\/\" class=\"_self\" target=\"_self\" >T 102 95<\/a><\/h4>\n<div class=\"pt-cv-content\">T-102-95 Sentencia T-102\/95 ACCION DE TUTELA CONTRA EL EMPLEADOR\/INDEFENSION DE TRABAJADORES\/TRABAJADOR-Subordinaci\u00f3n Como uno de los jueces de primera instancia afirma que en el presente caso no cabe la tutela contra particulares porque no existe subordinaci\u00f3n e indefensi\u00f3n del trabajador respecto del patrono, hay necesidad de aclarar que la relaci\u00f3n laboral establece ese grado de subordinaci\u00f3n, luego, por este aspecto, queda suficientemente justificada la viabilidad de estas acciones de tutela. Pero, hay algo m\u00e1s: En los catorce casos que motivan el presente fallo se aprecia una situaci\u00f3n de indefensi\u00f3n. La reiterada imposibilidad de tener el espacio que la ley da para ...<br \/><div class=\"pt-cv-rmwrap\"><a href=\"https:\/\/www.dmsjuridica.com\/buscador_20179478954\/corteconstitucionalcronologico202454587\/t-102-95\/\" class=\"_self pt-cv-readmore btn btn-success\" target=\"_self\">Ver Sentencia Completa...<\/a><\/div><\/div><\/div><\/div>\n<div class=\"col-md-12 col-sm-12 col-xs-12 pt-cv-content-item pt-cv-1-col\" ><div class='pt-cv-ifield'><a href=\"https:\/\/www.dmsjuridica.com\/buscador_20179478954\/corteconstitucionalcronologico202454587\/t-101-95\/\" class=\"_self pt-cv-href-thumbnail pt-cv-thumb-default\" target=\"_self\" ><\/a>\n<div class=\"pt-cv-taxoterm above_title\"><a href='https:\/\/www.dmsjuridica.com\/buscador_20179478954\/corteconstitucionalcronologico202454587\/category\/buscar-en-toda-la-corte\/1995\/tutelas-1995\/' title='Tutelas 1995' class='pt-cv-tax-tutelas-1995'>Tutelas 1995<\/a><\/div>\n<h4 class=\"pt-cv-title\"><a href=\"https:\/\/www.dmsjuridica.com\/buscador_20179478954\/corteconstitucionalcronologico202454587\/t-101-95\/\" class=\"_self\" target=\"_self\" >T 101 95<\/a><\/h4>\n<div class=\"pt-cv-content\">T-101-95 Sentencia No. T-101\/95 NOTIFICACION DE TUTELA-Despacho comisorio Si bien es cierto que la figura del despacho comisorio, contenida en el art\u00edculo 33 del C. de P.C., se constituye en uno de los instrumentos con que cuenta el juez para impulsar el proceso, ello no significa que, en los eventos relacionados con las acciones de tutela, este procedimiento sea el medio m\u00e1s eficaz y expedito para garantizar el cumplimiento de las decisiones que se adopten sobre la materia. En efecto, cabe recordar que el despacho comisorio es sometido a reparto, luego el comisionado asume la competencia para llevar a cabo ...<br \/><div class=\"pt-cv-rmwrap\"><a href=\"https:\/\/www.dmsjuridica.com\/buscador_20179478954\/corteconstitucionalcronologico202454587\/t-101-95\/\" class=\"_self pt-cv-readmore btn btn-success\" target=\"_self\">Ver Sentencia Completa...<\/a><\/div><\/div><\/div><\/div>\n<div class=\"col-md-12 col-sm-12 col-xs-12 pt-cv-content-item pt-cv-1-col\" ><div class='pt-cv-ifield'><a href=\"https:\/\/www.dmsjuridica.com\/buscador_20179478954\/corteconstitucionalcronologico202454587\/t-100-95\/\" class=\"_self pt-cv-href-thumbnail pt-cv-thumb-default\" target=\"_self\" ><\/a>\n<div class=\"pt-cv-taxoterm above_title\"><a href='https:\/\/www.dmsjuridica.com\/buscador_20179478954\/corteconstitucionalcronologico202454587\/category\/buscar-en-toda-la-corte\/1995\/tutelas-1995\/' title='Tutelas 1995' class='pt-cv-tax-tutelas-1995'>Tutelas 1995<\/a><\/div>\n<h4 class=\"pt-cv-title\"><a href=\"https:\/\/www.dmsjuridica.com\/buscador_20179478954\/corteconstitucionalcronologico202454587\/t-100-95\/\" class=\"_self\" target=\"_self\" >T 100 95<\/a><\/h4>\n<div class=\"pt-cv-content\">T-100-95 ACCION DE TUTELA-Hecho superado Si la situaci\u00f3n de hecho que genera la violaci\u00f3n o la amenaza ya ha sido superada, el instrumento constitucional de defensa pierde su raz\u00f3n de ser. Es decir, la orden que pudiera impartir el juez, ning\u00fan efecto podr\u00eda tener en cuanto a la efectividad de los derechos presuntamente conculcados, el proceso carecer\u00eda de objeto y la tutela resultar\u00eda entonces improcedente. En el caso presente ya ha cesado entonces la causa que gener\u00f3 el da\u00f1o y, por tanto, ninguna utilidad reportar\u00eda una orden judicial, aun en el caso de que la acci\u00f3n estuviere llamada a prosperar, ...<br \/><div class=\"pt-cv-rmwrap\"><a href=\"https:\/\/www.dmsjuridica.com\/buscador_20179478954\/corteconstitucionalcronologico202454587\/t-100-95\/\" class=\"_self pt-cv-readmore btn btn-success\" target=\"_self\">Ver Sentencia Completa...<\/a><\/div><\/div><\/div><\/div>\n<div class=\"col-md-12 col-sm-12 col-xs-12 pt-cv-content-item pt-cv-1-col\" ><div class='pt-cv-ifield'><a href=\"https:\/\/www.dmsjuridica.com\/buscador_20179478954\/corteconstitucionalcronologico202454587\/t-099-95\/\" class=\"_self pt-cv-href-thumbnail pt-cv-thumb-default\" target=\"_self\" ><\/a>\n<div class=\"pt-cv-taxoterm above_title\"><a href='https:\/\/www.dmsjuridica.com\/buscador_20179478954\/corteconstitucionalcronologico202454587\/category\/buscar-en-toda-la-corte\/1995\/tutelas-1995\/' title='Tutelas 1995' class='pt-cv-tax-tutelas-1995'>Tutelas 1995<\/a><\/div>\n<h4 class=\"pt-cv-title\"><a href=\"https:\/\/www.dmsjuridica.com\/buscador_20179478954\/corteconstitucionalcronologico202454587\/t-099-95\/\" class=\"_self\" target=\"_self\" >T 099 95<\/a><\/h4>\n<div class=\"pt-cv-content\">T-099-95 Sentencia No. T-099\/95 NOTIFICACION\/DEBIDO PROCESO La notificaci\u00f3n en debida forma asegura que la persona a quien concierne una determinaci\u00f3n se halla enterada de su sentido y define simult\u00e1neamente -con fecha cierta- en qu\u00e9 momento ha tenido lugar la transmisi\u00f3n oficial de la respectiva informaci\u00f3n. Se asegura, entonces, no solamente que, conocida la decisi\u00f3n de que se trata, podr\u00e1 el afectado hacer uso de los medios jur\u00eddicamente id\u00f3neos para la salvaguarda de sus intereses, sino que se preserva la continuidad del tr\u00e1mite judicial o administrativo correspondiente, pues la fecha de la notificaci\u00f3n define los t\u00e9rminos preclusivos dentro de los cuales ...<br \/><div class=\"pt-cv-rmwrap\"><a href=\"https:\/\/www.dmsjuridica.com\/buscador_20179478954\/corteconstitucionalcronologico202454587\/t-099-95\/\" class=\"_self pt-cv-readmore btn btn-success\" target=\"_self\">Ver Sentencia Completa...<\/a><\/div><\/div><\/div><\/div>\n<div class=\"col-md-12 col-sm-12 col-xs-12 pt-cv-content-item pt-cv-1-col\" ><div class='pt-cv-ifield'><a href=\"https:\/\/www.dmsjuridica.com\/buscador_20179478954\/corteconstitucionalcronologico202454587\/t-098-95\/\" class=\"_self pt-cv-href-thumbnail pt-cv-thumb-default\" target=\"_self\" ><\/a>\n<div class=\"pt-cv-taxoterm above_title\"><a href='https:\/\/www.dmsjuridica.com\/buscador_20179478954\/corteconstitucionalcronologico202454587\/category\/buscar-en-toda-la-corte\/1995\/tutelas-1995\/' title='Tutelas 1995' class='pt-cv-tax-tutelas-1995'>Tutelas 1995<\/a><\/div>\n<h4 class=\"pt-cv-title\"><a href=\"https:\/\/www.dmsjuridica.com\/buscador_20179478954\/corteconstitucionalcronologico202454587\/t-098-95\/\" class=\"_self\" target=\"_self\" >T 098 95<\/a><\/h4>\n<div class=\"pt-cv-content\">T-098-95 Sentencia No. T-098\/95 VIOLENCIA INTRAFAMILIAR Las relaciones familiares se basan en la igualdad de derechos y deberes de la pareja y en el respeto rec\u00edproco entre todos sus integrantes. Cualquier forma de violencia se considera destructiva de su armon\u00eda y unidad y ser\u00e1 sancionada conforme a la ley. MALTRATO CONYUGAL\/DERECHO A LA INTEGRIDAD PERSONAL\/IGUALDAD DE SEXOS Los principios constitucionales resultan flagrantemente desconocidos cuando uno de los c\u00f3nyuges o compa\u00f1eros permanentes ataca f\u00edsicamente al otro, pues ello no s\u00f3lo significa agravio -el que ya de por s\u00ed, aunque fuera puramente verbal, quebrantar\u00eda la regla del rec\u00edproco respeto que se deben ...<br \/><div class=\"pt-cv-rmwrap\"><a href=\"https:\/\/www.dmsjuridica.com\/buscador_20179478954\/corteconstitucionalcronologico202454587\/t-098-95\/\" class=\"_self pt-cv-readmore btn btn-success\" target=\"_self\">Ver Sentencia Completa...<\/a><\/div><\/div><\/div><\/div>\n<div class=\"col-md-12 col-sm-12 col-xs-12 pt-cv-content-item pt-cv-1-col\" ><div class='pt-cv-ifield'><a href=\"https:\/\/www.dmsjuridica.com\/buscador_20179478954\/corteconstitucionalcronologico202454587\/t-097-95\/\" class=\"_self pt-cv-href-thumbnail pt-cv-thumb-default\" target=\"_self\" ><\/a>\n<div class=\"pt-cv-taxoterm above_title\"><a href='https:\/\/www.dmsjuridica.com\/buscador_20179478954\/corteconstitucionalcronologico202454587\/category\/buscar-en-toda-la-corte\/1995\/tutelas-1995\/' title='Tutelas 1995' class='pt-cv-tax-tutelas-1995'>Tutelas 1995<\/a><\/div>\n<h4 class=\"pt-cv-title\"><a href=\"https:\/\/www.dmsjuridica.com\/buscador_20179478954\/corteconstitucionalcronologico202454587\/t-097-95\/\" class=\"_self\" target=\"_self\" >T 097 95<\/a><\/h4>\n<div class=\"pt-cv-content\">T-097-95 Sentencia No. T-097\/95 HABEAS DATA\/RECTIFICACION DE INFORMACION\/DERECHO AL BUEN NOMBRE\/DERECHO A LA HONRA En ejercicio del derecho al HABEAS DATA, que es aut\u00f3nomo y fundamental, la persona afectada por un dato falso o err\u00f3neo, que, por tanto, lesiona sus derechos a la honra y al buen nombre, tiene derecho a que se actualice la informaci\u00f3n en torno suyo y a rectificarla, de tal manera que cuando el banco de datos o archivo se niega a hacerlo, estando obligado, viola abiertamente la Constituci\u00f3n Pol\u00edtica, por lo cual es procedente la tutela con el objeto de obtener que se someta, aun ...<br \/><div class=\"pt-cv-rmwrap\"><a href=\"https:\/\/www.dmsjuridica.com\/buscador_20179478954\/corteconstitucionalcronologico202454587\/t-097-95\/\" class=\"_self pt-cv-readmore btn btn-success\" target=\"_self\">Ver Sentencia Completa...<\/a><\/div><\/div><\/div><\/div>\n<div class=\"col-md-12 col-sm-12 col-xs-12 pt-cv-content-item pt-cv-1-col\" ><div class='pt-cv-ifield'><a href=\"https:\/\/www.dmsjuridica.com\/buscador_20179478954\/corteconstitucionalcronologico202454587\/t-096-95\/\" class=\"_self pt-cv-href-thumbnail pt-cv-thumb-default\" target=\"_self\" ><\/a>\n<div class=\"pt-cv-taxoterm above_title\"><a href='https:\/\/www.dmsjuridica.com\/buscador_20179478954\/corteconstitucionalcronologico202454587\/category\/buscar-en-toda-la-corte\/1995\/tutelas-1995\/' title='Tutelas 1995' class='pt-cv-tax-tutelas-1995'>Tutelas 1995<\/a><\/div>\n<h4 class=\"pt-cv-title\"><a href=\"https:\/\/www.dmsjuridica.com\/buscador_20179478954\/corteconstitucionalcronologico202454587\/t-096-95\/\" class=\"_self\" target=\"_self\" >T 096 95<\/a><\/h4>\n<div class=\"pt-cv-content\">T-096-95 Sentencia No. T-096\/95 DEBIDO PROCESO-Vulneraci\u00f3n\/ACCION DE TUTELA\/ACTO POLICIVO No era el procedimiento consagrado por el decreto 747 de 1992, la v\u00eda indicada para conseguir que el actor desocupara el inmueble, como lo decidi\u00f3 el Gobernador en la providencia objeto de la tutela. Nadie podr\u00eda afirmar que la ocupaci\u00f3n del predio por el actor haya ocasionado perturbaciones del orden p\u00fablico en el departamento del Atl\u00e1ntico. En el presente caso se viol\u00f3 el debido proceso. \"La jurisdicci\u00f3n de lo Contencioso Administrativo no juzga las decisiones proferidas en juicios civiles o penales de polic\u00eda regulados especialmente por la ley\". Por tanto, el ...<br \/><div class=\"pt-cv-rmwrap\"><a href=\"https:\/\/www.dmsjuridica.com\/buscador_20179478954\/corteconstitucionalcronologico202454587\/t-096-95\/\" class=\"_self pt-cv-readmore btn btn-success\" target=\"_self\">Ver Sentencia Completa...<\/a><\/div><\/div><\/div><\/div>\n<div class=\"col-md-12 col-sm-12 col-xs-12 pt-cv-content-item pt-cv-1-col\" ><div class='pt-cv-ifield'><a href=\"https:\/\/www.dmsjuridica.com\/buscador_20179478954\/corteconstitucionalcronologico202454587\/t-095-95\/\" class=\"_self pt-cv-href-thumbnail pt-cv-thumb-default\" target=\"_self\" ><\/a>\n<div class=\"pt-cv-taxoterm above_title\"><a href='https:\/\/www.dmsjuridica.com\/buscador_20179478954\/corteconstitucionalcronologico202454587\/category\/buscar-en-toda-la-corte\/1995\/tutelas-1995\/' title='Tutelas 1995' class='pt-cv-tax-tutelas-1995'>Tutelas 1995<\/a><\/div>\n<h4 class=\"pt-cv-title\"><a href=\"https:\/\/www.dmsjuridica.com\/buscador_20179478954\/corteconstitucionalcronologico202454587\/t-095-95\/\" class=\"_self\" target=\"_self\" >T 095 95<\/a><\/h4>\n<div class=\"pt-cv-content\">T-095-95 Sentencia No. T-095\/95 LIBERTAD DE CIRCULACION-Restricci\u00f3n Cuando la eventual restricci\u00f3n del derecho de libre circulaci\u00f3n y residencia proviene de un ley extranjera cuya aplicaci\u00f3n depende de la potestad del gobierno colombiano, en desarrollo del manejo de las relaciones internacionales, las autoridades competentes deben proceder de tal manera que no vulneren o amenacen los derechos fundamentales de la persona. Si como efecto de la decisi\u00f3n nacional se produce una invasi\u00f3n en la \u00f3rbita de los derechos individuales, corresponde al juez constitucional determinar si la restricci\u00f3n tiene expreso fundamento en el orden constitucional y legal. ACCION DE TUTELA TRANSITORIA-Alcance La transitoriedad ...<br \/><div class=\"pt-cv-rmwrap\"><a href=\"https:\/\/www.dmsjuridica.com\/buscador_20179478954\/corteconstitucionalcronologico202454587\/t-095-95\/\" class=\"_self pt-cv-readmore btn btn-success\" target=\"_self\">Ver Sentencia Completa...<\/a><\/div><\/div><\/div><\/div>\n<div class=\"col-md-12 col-sm-12 col-xs-12 pt-cv-content-item pt-cv-1-col\" ><div class='pt-cv-ifield'><a href=\"https:\/\/www.dmsjuridica.com\/buscador_20179478954\/corteconstitucionalcronologico202454587\/t-094-95\/\" class=\"_self pt-cv-href-thumbnail pt-cv-thumb-default\" target=\"_self\" ><\/a>\n<div class=\"pt-cv-taxoterm above_title\"><a href='https:\/\/www.dmsjuridica.com\/buscador_20179478954\/corteconstitucionalcronologico202454587\/category\/buscar-en-toda-la-corte\/1995\/tutelas-1995\/' title='Tutelas 1995' class='pt-cv-tax-tutelas-1995'>Tutelas 1995<\/a><\/div>\n<h4 class=\"pt-cv-title\"><a href=\"https:\/\/www.dmsjuridica.com\/buscador_20179478954\/corteconstitucionalcronologico202454587\/t-094-95\/\" class=\"_self\" target=\"_self\" >T 094 95<\/a><\/h4>\n<div class=\"pt-cv-content\">T-094-95 Sentencia No. T-094\/95 ACCION DE TUTELA VERBAL La demanda oral es perfectamente leg\u00edtima, dada la informalidad de la acci\u00f3n de tutela, cuyo cometido real no podr\u00eda alcanzarse si se interpusiera el obst\u00e1culo consistente en la exigencia de solemnidades que no todas las personas pueden cumplir. En aplicaci\u00f3n de lo dispuesto en el art\u00edculo 86 de la Carta, que otorga la tutela a toda persona, y siguiendo el principio de prevalencia del derecho sustancial, resulta indubitable la conclusi\u00f3n de que los jueces no pueden exigir la presentaci\u00f3n de demandas escritas para proponer acciones de tutela. DERECHO DE INFORMACION El derecho ...<br \/><div class=\"pt-cv-rmwrap\"><a href=\"https:\/\/www.dmsjuridica.com\/buscador_20179478954\/corteconstitucionalcronologico202454587\/t-094-95\/\" class=\"_self pt-cv-readmore btn btn-success\" target=\"_self\">Ver Sentencia Completa...<\/a><\/div><\/div><\/div><\/div>\n<div class=\"col-md-12 col-sm-12 col-xs-12 pt-cv-content-item pt-cv-1-col\" ><div class='pt-cv-ifield'><a href=\"https:\/\/www.dmsjuridica.com\/buscador_20179478954\/corteconstitucionalcronologico202454587\/t-093-95\/\" class=\"_self pt-cv-href-thumbnail pt-cv-thumb-default\" target=\"_self\" ><\/a>\n<div class=\"pt-cv-taxoterm above_title\"><a href='https:\/\/www.dmsjuridica.com\/buscador_20179478954\/corteconstitucionalcronologico202454587\/category\/buscar-en-toda-la-corte\/1995\/tutelas-1995\/' title='Tutelas 1995' class='pt-cv-tax-tutelas-1995'>Tutelas 1995<\/a><\/div>\n<h4 class=\"pt-cv-title\"><a href=\"https:\/\/www.dmsjuridica.com\/buscador_20179478954\/corteconstitucionalcronologico202454587\/t-093-95\/\" class=\"_self\" target=\"_self\" >T 093 95<\/a><\/h4>\n<div class=\"pt-cv-content\">T-093-95 Sentencia No. T-093\/95 SUSTITUCION PENSIONAL\/JURISDICCION CONTENCIOSO ADMINISTRATIVA Una petici\u00f3n como la formulada en este caso, tendiente a que se ordene una sustituci\u00f3n pensional, debe ventilarse ante la entidad correspondiente -v\u00eda gubernativa- y agotada \u00e9sta, ejercer las acciones que contra sus decisiones proceden en los t\u00e9rminos del C\u00f3digo Contencioso Administrativo, y s\u00f3lo en el caso de que la autoridad vulnere un derecho constitucional fundamental, es posible acudir a la acci\u00f3n de tutela en demanda de protecci\u00f3n, siempre que no existan otros medios de defensa judicial. SUSTITUCION PENSIONAL-Reconocimiento\/MEDIO DE DEFENSA JUDICIAL La protecci\u00f3n del derecho a la seguridad social de las ...<br \/><div class=\"pt-cv-rmwrap\"><a href=\"https:\/\/www.dmsjuridica.com\/buscador_20179478954\/corteconstitucionalcronologico202454587\/t-093-95\/\" class=\"_self pt-cv-readmore btn btn-success\" target=\"_self\">Ver Sentencia Completa...<\/a><\/div><\/div><\/div><\/div>\n<div class=\"col-md-12 col-sm-12 col-xs-12 pt-cv-content-item pt-cv-1-col\" ><div class='pt-cv-ifield'><a href=\"https:\/\/www.dmsjuridica.com\/buscador_20179478954\/corteconstitucionalcronologico202454587\/t-092-95\/\" class=\"_self pt-cv-href-thumbnail pt-cv-thumb-default\" target=\"_self\" ><\/a>\n<div class=\"pt-cv-taxoterm above_title\"><a href='https:\/\/www.dmsjuridica.com\/buscador_20179478954\/corteconstitucionalcronologico202454587\/category\/buscar-en-toda-la-corte\/1995\/tutelas-1995\/' title='Tutelas 1995' class='pt-cv-tax-tutelas-1995'>Tutelas 1995<\/a><\/div>\n<h4 class=\"pt-cv-title\"><a href=\"https:\/\/www.dmsjuridica.com\/buscador_20179478954\/corteconstitucionalcronologico202454587\/t-092-95\/\" class=\"_self\" target=\"_self\" >T 092 95<\/a><\/h4>\n<div class=\"pt-cv-content\">T-092-95 Sentencia No. T-092\/95 SERVICIO PUBLICO DE ACUEDUCTO\/DERECHO A LA VIDA\/DERECHO A LA SALUD-Amenaza\/CALIDAD DEL AGUA Cuando el servicio de acueducto que presta el municipio en forma directa, o a trav\u00e9s de particulares, afecta en forma evidente e inminente los derechos fundamentales a la vida y a la salud de quienes se benefician de \u00e9l, bien por su prestaci\u00f3n deficiente o por contener elementos que no permitan su consumo, deben ser protegidos a trav\u00e9s de la acci\u00f3n de tutela. As\u00ed, el hecho de que la comunidad no tenga servicio de acueducto o lo tenga en condiciones que no permitan su ...<br \/><div class=\"pt-cv-rmwrap\"><a href=\"https:\/\/www.dmsjuridica.com\/buscador_20179478954\/corteconstitucionalcronologico202454587\/t-092-95\/\" class=\"_self pt-cv-readmore btn btn-success\" target=\"_self\">Ver Sentencia Completa...<\/a><\/div><\/div><\/div><\/div>\n<div class=\"col-md-12 col-sm-12 col-xs-12 pt-cv-content-item pt-cv-1-col\" ><div class='pt-cv-ifield'><a href=\"https:\/\/www.dmsjuridica.com\/buscador_20179478954\/corteconstitucionalcronologico202454587\/t-091-95\/\" class=\"_self pt-cv-href-thumbnail pt-cv-thumb-default\" target=\"_self\" ><\/a>\n<div class=\"pt-cv-taxoterm above_title\"><a href='https:\/\/www.dmsjuridica.com\/buscador_20179478954\/corteconstitucionalcronologico202454587\/category\/buscar-en-toda-la-corte\/1995\/tutelas-1995\/' title='Tutelas 1995' class='pt-cv-tax-tutelas-1995'>Tutelas 1995<\/a><\/div>\n<h4 class=\"pt-cv-title\"><a href=\"https:\/\/www.dmsjuridica.com\/buscador_20179478954\/corteconstitucionalcronologico202454587\/t-091-95\/\" class=\"_self\" target=\"_self\" >T 091 95<\/a><\/h4>\n<div class=\"pt-cv-content\">T-091-95 Sentencia No. T-091\/95 Las decisiones adoptadas por el Consejo Nacional de Estupefacientes est\u00e1n sometidas al control de legalidad mediante las acciones contencioso administrativas pertinentes. Puede afirmarse que contra la Resoluci\u00f3n, proced\u00eda no s\u00f3lo el recurso de reposici\u00f3n por v\u00eda gubernativa, sino las acciones contencioso administrativas ante esa jurisdicci\u00f3n, por lo que en principio la acci\u00f3n de tutela es improcedente para suspender por dicho mecanismo los efectos de una decisi\u00f3n administrativa que se encuentra vigente y que goza de la presunci\u00f3n de legalidad, con las salvedades anotadas. DERECHO A LA PROPIEDAD-Destinaci\u00f3n de inmueble a oficina p\u00fablica\/DEBIDO PROCESO\/INCAUTACION DE BIENES Los ...<br \/><div class=\"pt-cv-rmwrap\"><a href=\"https:\/\/www.dmsjuridica.com\/buscador_20179478954\/corteconstitucionalcronologico202454587\/t-091-95\/\" class=\"_self pt-cv-readmore btn btn-success\" target=\"_self\">Ver Sentencia Completa...<\/a><\/div><\/div><\/div><\/div>\n<div class=\"col-md-12 col-sm-12 col-xs-12 pt-cv-content-item pt-cv-1-col\" ><div class='pt-cv-ifield'><a href=\"https:\/\/www.dmsjuridica.com\/buscador_20179478954\/corteconstitucionalcronologico202454587\/t-090-95\/\" class=\"_self pt-cv-href-thumbnail pt-cv-thumb-default\" target=\"_self\" ><\/a>\n<div class=\"pt-cv-taxoterm above_title\"><a href='https:\/\/www.dmsjuridica.com\/buscador_20179478954\/corteconstitucionalcronologico202454587\/category\/buscar-en-toda-la-corte\/1995\/tutelas-1995\/' title='Tutelas 1995' class='pt-cv-tax-tutelas-1995'>Tutelas 1995<\/a><\/div>\n<h4 class=\"pt-cv-title\"><a href=\"https:\/\/www.dmsjuridica.com\/buscador_20179478954\/corteconstitucionalcronologico202454587\/t-090-95\/\" class=\"_self\" target=\"_self\" >T 090 95<\/a><\/h4>\n<div class=\"pt-cv-content\">T-090-95 Sentencia No. T-090\/95 DERECHO A LA EDUCACION-Vulneraci\u00f3n por falta del registro civil\/DIPLOMA DE BACHILLER-Expedici\u00f3n El derecho a la educaci\u00f3n es un derecho esencial de la persona humana, susceptible de ser amparado mediante la acci\u00f3n de tutela. De manera particular, la oportunidad de acceso a los medios educativos en condiciones de igualdad, se considera como una de las manifestaciones principales del derecho a la educaci\u00f3n, en un Estado donde tales medios son limitados. Al negarle a la demandante la entrega de su diploma, se viola su derecho a la educaci\u00f3n pues este derecho implica, no s\u00f3lo el acceso y la ...<br \/><div class=\"pt-cv-rmwrap\"><a href=\"https:\/\/www.dmsjuridica.com\/buscador_20179478954\/corteconstitucionalcronologico202454587\/t-090-95\/\" class=\"_self pt-cv-readmore btn btn-success\" target=\"_self\">Ver Sentencia Completa...<\/a><\/div><\/div><\/div><\/div>\n<div class=\"col-md-12 col-sm-12 col-xs-12 pt-cv-content-item pt-cv-1-col\" ><div class='pt-cv-ifield'><a href=\"https:\/\/www.dmsjuridica.com\/buscador_20179478954\/corteconstitucionalcronologico202454587\/t-081-95\/\" class=\"_self pt-cv-href-thumbnail pt-cv-thumb-default\" target=\"_self\" ><\/a>\n<div class=\"pt-cv-taxoterm above_title\"><a href='https:\/\/www.dmsjuridica.com\/buscador_20179478954\/corteconstitucionalcronologico202454587\/category\/buscar-en-toda-la-corte\/1995\/tutelas-1995\/' title='Tutelas 1995' class='pt-cv-tax-tutelas-1995'>Tutelas 1995<\/a><\/div>\n<h4 class=\"pt-cv-title\"><a href=\"https:\/\/www.dmsjuridica.com\/buscador_20179478954\/corteconstitucionalcronologico202454587\/t-081-95\/\" class=\"_self\" target=\"_self\" >T 081 95<\/a><\/h4>\n<div class=\"pt-cv-content\">T-081-95 Sentencia No. T-081\/95 PERSONAL DOCENTE-Discriminaci\u00f3n\/POSESION DEL CARGO En el presente caso hubo trato discriminatorio con respecto a la demandante, porque su nombramiento fue comunicado en una fecha que resulta desproporcionada con respecto a las fechas en que se les notici\u00f3 del nombramiento a los dem\u00e1s docentes designados, con el agravante de que se le inform\u00f3 acerca de su designaci\u00f3n cuando ya se le hab\u00eda dado posesi\u00f3n a los otros docentes. ACCION DE TUTELA-Hecho superado La situaci\u00f3n a que dio origen la tutela se encuentra superada, pues incluso antes de que el Juzgado Promiscuo Municipal de Tad\u00f3 fallara, se cumpli\u00f3 ...<br \/><div class=\"pt-cv-rmwrap\"><a href=\"https:\/\/www.dmsjuridica.com\/buscador_20179478954\/corteconstitucionalcronologico202454587\/t-081-95\/\" class=\"_self pt-cv-readmore btn btn-success\" target=\"_self\">Ver Sentencia Completa...<\/a><\/div><\/div><\/div><\/div>\n<div class=\"col-md-12 col-sm-12 col-xs-12 pt-cv-content-item pt-cv-1-col\" ><div class='pt-cv-ifield'><a href=\"https:\/\/www.dmsjuridica.com\/buscador_20179478954\/corteconstitucionalcronologico202454587\/t-080-95\/\" class=\"_self pt-cv-href-thumbnail pt-cv-thumb-default\" target=\"_self\" ><\/a>\n<div class=\"pt-cv-taxoterm above_title\"><a href='https:\/\/www.dmsjuridica.com\/buscador_20179478954\/corteconstitucionalcronologico202454587\/category\/buscar-en-toda-la-corte\/1995\/tutelas-1995\/' title='Tutelas 1995' class='pt-cv-tax-tutelas-1995'>Tutelas 1995<\/a><\/div>\n<h4 class=\"pt-cv-title\"><a href=\"https:\/\/www.dmsjuridica.com\/buscador_20179478954\/corteconstitucionalcronologico202454587\/t-080-95\/\" class=\"_self\" target=\"_self\" >T 080 95<\/a><\/h4>\n<div class=\"pt-cv-content\">T-080-95 Sentencia No. T-080\/95 COMPETENCIA DE TUTELA-Env\u00edo al Juez competente\/JURISDICCION CONSTITUCIONAL\/COMPETENCIA TERRITORIAL Si el juez de primera instancia, no es el competente, por no corresponder al del lugar donde ocurriere la vulneraci\u00f3n de los derechos fundamentales, la Sala considera que el procedimiento a seguir es enviar la demanda y sus anexos al juez competente. Obviamente, previa notificaci\u00f3n al interesado de que har\u00e1 tal env\u00edo, pues si no se violar\u00eda el debido proceso al actor, quien carecer\u00eda de las oportunidades procesales para actuar. El env\u00edo por parte del juez no competente al competente, se refiere al de cualquier lugar del pa\u00eds, ...<br \/><div class=\"pt-cv-rmwrap\"><a href=\"https:\/\/www.dmsjuridica.com\/buscador_20179478954\/corteconstitucionalcronologico202454587\/t-080-95\/\" class=\"_self pt-cv-readmore btn btn-success\" target=\"_self\">Ver Sentencia Completa...<\/a><\/div><\/div><\/div><\/div>\n<div class=\"col-md-12 col-sm-12 col-xs-12 pt-cv-content-item pt-cv-1-col\" ><div class='pt-cv-ifield'><a href=\"https:\/\/www.dmsjuridica.com\/buscador_20179478954\/corteconstitucionalcronologico202454587\/t-079-95\/\" class=\"_self pt-cv-href-thumbnail pt-cv-thumb-default\" target=\"_self\" ><\/a>\n<div class=\"pt-cv-taxoterm above_title\"><a href='https:\/\/www.dmsjuridica.com\/buscador_20179478954\/corteconstitucionalcronologico202454587\/category\/buscar-en-toda-la-corte\/1995\/tutelas-1995\/' title='Tutelas 1995' class='pt-cv-tax-tutelas-1995'>Tutelas 1995<\/a><\/div>\n<h4 class=\"pt-cv-title\"><a href=\"https:\/\/www.dmsjuridica.com\/buscador_20179478954\/corteconstitucionalcronologico202454587\/t-079-95\/\" class=\"_self\" target=\"_self\" >T 079 95<\/a><\/h4>\n<div class=\"pt-cv-content\">T-079-95 Sentencia No. T-079\/95 PRINCIPIO TRABAJO IGUAL SALARIO IGUAL-T\u00e9rmino de comparaci\u00f3n Cuando un trabajador considere que no se le ha dado un tratamiento igual, debe aportar el t\u00e9rmino de comparaci\u00f3n que permita deducir el trato desigual. Y el patrono tiene que demostrar que el trato diferente es razonable y objetivo y no limitarse a opinar que unos trabajadores son m\u00e1s eficaces que otros. Hay que buscar el equilibrio entre igualdad, la protecci\u00f3n al trabajo y la libertad de empresa. Por eso, la natural aspiraci\u00f3n de lograr una pol\u00edtica salarial para la productividad no debe servir de disculpa para restringir la ...<br \/><div class=\"pt-cv-rmwrap\"><a href=\"https:\/\/www.dmsjuridica.com\/buscador_20179478954\/corteconstitucionalcronologico202454587\/t-079-95\/\" class=\"_self pt-cv-readmore btn btn-success\" target=\"_self\">Ver Sentencia Completa...<\/a><\/div><\/div><\/div><\/div>\n<div class=\"col-md-12 col-sm-12 col-xs-12 pt-cv-content-item pt-cv-1-col\" ><div class='pt-cv-ifield'><a href=\"https:\/\/www.dmsjuridica.com\/buscador_20179478954\/corteconstitucionalcronologico202454587\/t-078-95\/\" class=\"_self pt-cv-href-thumbnail pt-cv-thumb-default\" target=\"_self\" ><\/a>\n<div class=\"pt-cv-taxoterm above_title\"><a href='https:\/\/www.dmsjuridica.com\/buscador_20179478954\/corteconstitucionalcronologico202454587\/category\/buscar-en-toda-la-corte\/1995\/tutelas-1995\/' title='Tutelas 1995' class='pt-cv-tax-tutelas-1995'>Tutelas 1995<\/a><\/div>\n<h4 class=\"pt-cv-title\"><a href=\"https:\/\/www.dmsjuridica.com\/buscador_20179478954\/corteconstitucionalcronologico202454587\/t-078-95\/\" class=\"_self\" target=\"_self\" >T 078 95<\/a><\/h4>\n<div class=\"pt-cv-content\">T-078-95 Sentencia No. T-078\/95 DERECHO AL CUIDADO Y AL AMOR\/MENOR ADOPTADO Si como ahora lo sostiene la accionante, tiene inter\u00e9s en guardar a su hijo, resulta en este momento evidente el descuido anterior. Las circunstancias actuales del menor adoptado por una familia extranjera luego de un proceso legalmente adelantado, en el que se miran las calidades de los padres, su estructura psicol\u00f3gica y moral, su capacidad econ\u00f3mica, que proporcionan al ni\u00f1o un ambiente familiar y un entorno que le permita un adecuado desarrollo, que contrasta con el estado de desprotecci\u00f3n, con malas condiciones para su subsistencia, sin afecto estable, no ...<br \/><div class=\"pt-cv-rmwrap\"><a href=\"https:\/\/www.dmsjuridica.com\/buscador_20179478954\/corteconstitucionalcronologico202454587\/t-078-95\/\" class=\"_self pt-cv-readmore btn btn-success\" target=\"_self\">Ver Sentencia Completa...<\/a><\/div><\/div><\/div><\/div>\n<div class=\"col-md-12 col-sm-12 col-xs-12 pt-cv-content-item pt-cv-1-col\" ><div class='pt-cv-ifield'><a href=\"https:\/\/www.dmsjuridica.com\/buscador_20179478954\/corteconstitucionalcronologico202454587\/t-077-95\/\" class=\"_self pt-cv-href-thumbnail pt-cv-thumb-default\" target=\"_self\" ><\/a>\n<div class=\"pt-cv-taxoterm above_title\"><a href='https:\/\/www.dmsjuridica.com\/buscador_20179478954\/corteconstitucionalcronologico202454587\/category\/buscar-en-toda-la-corte\/1995\/tutelas-1995\/' title='Tutelas 1995' class='pt-cv-tax-tutelas-1995'>Tutelas 1995<\/a><\/div>\n<h4 class=\"pt-cv-title\"><a href=\"https:\/\/www.dmsjuridica.com\/buscador_20179478954\/corteconstitucionalcronologico202454587\/t-077-95\/\" class=\"_self\" target=\"_self\" >T 077 95<\/a><\/h4>\n<div class=\"pt-cv-content\">T-077-95 Sentencia No. T-077\/95 MEDIO DE DEFENSA JUDICIAL-Eficacia\/ACCION DE TUTELA-Subsidiariedad\/PERJUICIO IRREMEDIABLE-Extrema necesidad Es improcedente la acci\u00f3n de tutela cuando hay otro mecanismo de defensa judicial y no se interpone como mecanismo transitorio para evitar un perjuicio irremediable. Se est\u00e1 en presencia de \u00e9ste cuando, de no tutelarse el derecho vulnerado o amenazado, hay inminencia de un mal irreversible, injustificado y grave, que coloque al peticionario en un estado de necesidad, que amerita la urgencia de la acci\u00f3n. La necesidad, a su vez, debe ser evidente o evidenciable, y adem\u00e1s extrema, de suerte que sea razonable pensar en la gran probabilidad ...<br \/><div class=\"pt-cv-rmwrap\"><a href=\"https:\/\/www.dmsjuridica.com\/buscador_20179478954\/corteconstitucionalcronologico202454587\/t-077-95\/\" class=\"_self pt-cv-readmore btn btn-success\" target=\"_self\">Ver Sentencia Completa...<\/a><\/div><\/div><\/div><\/div>\n<div class=\"col-md-12 col-sm-12 col-xs-12 pt-cv-content-item pt-cv-1-col\" ><div class='pt-cv-ifield'><a href=\"https:\/\/www.dmsjuridica.com\/buscador_20179478954\/corteconstitucionalcronologico202454587\/t-076-95\/\" class=\"_self pt-cv-href-thumbnail pt-cv-thumb-default\" target=\"_self\" ><\/a>\n<div class=\"pt-cv-taxoterm above_title\"><a href='https:\/\/www.dmsjuridica.com\/buscador_20179478954\/corteconstitucionalcronologico202454587\/category\/buscar-en-toda-la-corte\/1995\/tutelas-1995\/' title='Tutelas 1995' class='pt-cv-tax-tutelas-1995'>Tutelas 1995<\/a><\/div>\n<h4 class=\"pt-cv-title\"><a href=\"https:\/\/www.dmsjuridica.com\/buscador_20179478954\/corteconstitucionalcronologico202454587\/t-076-95\/\" class=\"_self\" target=\"_self\" >T 076 95<\/a><\/h4>\n<div class=\"pt-cv-content\">T-076-95 Sentencia No. T-076\/95 DERECHO DE PETICION-T\u00e9rmino\/DERECHO DE PETICION-Pronta resoluci\u00f3n Para establecer cu\u00e1l es el t\u00e9rmino que tiene la administraci\u00f3n para resolver las peticiones que ante ella se presenten, debe acudirse a los preceptos del C.C.A., al igual que a la ley 57 de 1984, en lo pertinente. El art\u00edculo 6o. del mencionado c\u00f3digo, establece que las peticiones de car\u00e1cter general o particular, se resolver\u00e1n o contestar\u00e1n dentro de los quince (15) d\u00edas siguientes a la fecha de su recibo. As\u00ed mismo, prev\u00e9 que en ese mismo t\u00e9rmino, la administraci\u00f3n debe informar al solicitante, cuando sea del caso, su imposibilidad ...<br \/><div class=\"pt-cv-rmwrap\"><a href=\"https:\/\/www.dmsjuridica.com\/buscador_20179478954\/corteconstitucionalcronologico202454587\/t-076-95\/\" class=\"_self pt-cv-readmore btn btn-success\" target=\"_self\">Ver Sentencia Completa...<\/a><\/div><\/div><\/div><\/div>\n<div class=\"col-md-12 col-sm-12 col-xs-12 pt-cv-content-item pt-cv-1-col\" ><div class='pt-cv-ifield'><a href=\"https:\/\/www.dmsjuridica.com\/buscador_20179478954\/corteconstitucionalcronologico202454587\/t-075-95\/\" class=\"_self pt-cv-href-thumbnail pt-cv-thumb-default\" target=\"_self\" ><\/a>\n<div class=\"pt-cv-taxoterm above_title\"><a href='https:\/\/www.dmsjuridica.com\/buscador_20179478954\/corteconstitucionalcronologico202454587\/category\/buscar-en-toda-la-corte\/1995\/tutelas-1995\/' title='Tutelas 1995' class='pt-cv-tax-tutelas-1995'>Tutelas 1995<\/a><\/div>\n<h4 class=\"pt-cv-title\"><a href=\"https:\/\/www.dmsjuridica.com\/buscador_20179478954\/corteconstitucionalcronologico202454587\/t-075-95\/\" class=\"_self\" target=\"_self\" >T 075 95<\/a><\/h4>\n<div class=\"pt-cv-content\">T-075-95 Sentencia No. T-075\/95 DERECHO A LA EDUCACION-Sanci\u00f3n por no participar en desfile A la peticionaria se le dio un trato discriminatorio, diferente al que recibieron los otros alumnos que se encontraban en la misma circunstancia, lo que constituye una violaci\u00f3n del derecho a la igualdad. El art\u00edculo 13 de la Constituci\u00f3n se\u00f1ala que todas las personas nacen libres e iguales ante la ley, que merecen igual protecci\u00f3n por parte de las autoridades y que no podr\u00e1n ser objeto de discriminaci\u00f3n por la religi\u00f3n que profesen. REGLAMENTO EDUCATIVO-Inconstitucionalidad Es necesario se\u00f1alar que, de conformidad con el reglamento estudiantil del Colegio, ...<br \/><div class=\"pt-cv-rmwrap\"><a href=\"https:\/\/www.dmsjuridica.com\/buscador_20179478954\/corteconstitucionalcronologico202454587\/t-075-95\/\" class=\"_self pt-cv-readmore btn btn-success\" target=\"_self\">Ver Sentencia Completa...<\/a><\/div><\/div><\/div><\/div>\n<div class=\"col-md-12 col-sm-12 col-xs-12 pt-cv-content-item pt-cv-1-col\" ><div class='pt-cv-ifield'><a href=\"https:\/\/www.dmsjuridica.com\/buscador_20179478954\/corteconstitucionalcronologico202454587\/t-074-95\/\" class=\"_self pt-cv-href-thumbnail pt-cv-thumb-default\" target=\"_self\" ><\/a>\n<div class=\"pt-cv-taxoterm above_title\"><a href='https:\/\/www.dmsjuridica.com\/buscador_20179478954\/corteconstitucionalcronologico202454587\/category\/buscar-en-toda-la-corte\/1995\/tutelas-1995\/' title='Tutelas 1995' class='pt-cv-tax-tutelas-1995'>Tutelas 1995<\/a><\/div>\n<h4 class=\"pt-cv-title\"><a href=\"https:\/\/www.dmsjuridica.com\/buscador_20179478954\/corteconstitucionalcronologico202454587\/t-074-95\/\" class=\"_self\" target=\"_self\" >T 074 95<\/a><\/h4>\n<div class=\"pt-cv-content\">T-074-95 Sentencia No. T-074\/95 ACCION DE TUTELA CONTRA MEDIOS DE COMUNICACION La acci\u00f3n de tutela procede contra los medios de comunicaci\u00f3n, tanto si est\u00e1n a cargo de una entidad p\u00fablica como si pertenecen a una persona natural o jur\u00eddica privada. La legislaci\u00f3n da lugar a la tutela como mecanismo de defensa espec\u00edfico para el derecho que, seg\u00fan el art\u00edculo 20 de la Constituci\u00f3n, tiene toda persona frente a los medios de comunicaci\u00f3n para que \u00e9stos rectifiquen, en condiciones de equidad, las informaciones falsas, err\u00f3neas, inexactas o incompletas que respecto de ellas hayan difundido. Tan s\u00f3lo se puede acudir a la ...<br \/><div class=\"pt-cv-rmwrap\"><a href=\"https:\/\/www.dmsjuridica.com\/buscador_20179478954\/corteconstitucionalcronologico202454587\/t-074-95\/\" class=\"_self pt-cv-readmore btn btn-success\" target=\"_self\">Ver Sentencia Completa...<\/a><\/div><\/div><\/div><\/div>\n<div class=\"col-md-12 col-sm-12 col-xs-12 pt-cv-content-item pt-cv-1-col\" ><div class='pt-cv-ifield'><a href=\"https:\/\/www.dmsjuridica.com\/buscador_20179478954\/corteconstitucionalcronologico202454587\/t-068-95\/\" class=\"_self pt-cv-href-thumbnail pt-cv-thumb-default\" target=\"_self\" ><\/a>\n<div class=\"pt-cv-taxoterm above_title\"><a href='https:\/\/www.dmsjuridica.com\/buscador_20179478954\/corteconstitucionalcronologico202454587\/category\/buscar-en-toda-la-corte\/1995\/tutelas-1995\/' title='Tutelas 1995' class='pt-cv-tax-tutelas-1995'>Tutelas 1995<\/a><\/div>\n<h4 class=\"pt-cv-title\"><a href=\"https:\/\/www.dmsjuridica.com\/buscador_20179478954\/corteconstitucionalcronologico202454587\/t-068-95\/\" class=\"_self\" target=\"_self\" >T 068 95<\/a><\/h4>\n<div class=\"pt-cv-content\">T-068-95 Sentencia No. T-068\/95 FALLO DE TUTELA-Cumplimiento inmediato\/FALLO DE TUTELA-Apelaci\u00f3n en el efecto devolutivo La apelaci\u00f3n de sentencias de tutela se debe conceder en el efecto DEVOLUTIVO, por cuanto no est\u00e1 permitido al a-quo suspender los efectos del fallo hasta que se resuelva el asunto en segunda instancia. Si bien un fallo de tutela en primera instancia puede ser recurrido por cualquiera de las partes dentro de los t\u00e9rminos establecidos por la ley, su cumplimiento por \u00e9stas es obligatorio mientras se surte la segunda instancia, la cual, de confirmarlo, dejar\u00e1 en firme la actuaci\u00f3n del a-quo, pero en caso de ...<br \/><div class=\"pt-cv-rmwrap\"><a href=\"https:\/\/www.dmsjuridica.com\/buscador_20179478954\/corteconstitucionalcronologico202454587\/t-068-95\/\" class=\"_self pt-cv-readmore btn btn-success\" target=\"_self\">Ver Sentencia Completa...<\/a><\/div><\/div><\/div><\/div>\n<div class=\"col-md-12 col-sm-12 col-xs-12 pt-cv-content-item pt-cv-1-col\" ><div class='pt-cv-ifield'><a href=\"https:\/\/www.dmsjuridica.com\/buscador_20179478954\/corteconstitucionalcronologico202454587\/t-067-95\/\" class=\"_self pt-cv-href-thumbnail pt-cv-thumb-default\" target=\"_self\" ><\/a>\n<div class=\"pt-cv-taxoterm above_title\"><a href='https:\/\/www.dmsjuridica.com\/buscador_20179478954\/corteconstitucionalcronologico202454587\/category\/buscar-en-toda-la-corte\/1995\/tutelas-1995\/' title='Tutelas 1995' class='pt-cv-tax-tutelas-1995'>Tutelas 1995<\/a><\/div>\n<h4 class=\"pt-cv-title\"><a href=\"https:\/\/www.dmsjuridica.com\/buscador_20179478954\/corteconstitucionalcronologico202454587\/t-067-95\/\" class=\"_self\" target=\"_self\" >T 067 95<\/a><\/h4>\n<div class=\"pt-cv-content\">T-067-95 Sentencia No. T-067\/95 PROCESO LABORAL-Indemnizaci\u00f3n compensatoria La no petici\u00f3n subsidiaria de la compensaci\u00f3n en dinero por el demandante en el proceso ejecutivo laboral por obligaci\u00f3n de hacer llev\u00f3 al juzgado y al Tribunal a proceder con sujeci\u00f3n a lo dispuesto en el art\u00edculo 495 inciso 3o. del C\u00f3digo de Procedimiento Civil, seg\u00fan el cual \"deber\u00e1 darse por terminado el proceso\" por la circunstancia antes anotada, raz\u00f3n por la cual sobre este aspecto la Corte estima que dichas decisiones no son contrarias al debido proceso, y estuvieron fundadas en las disposiciones legales mencionadas. DERECHO DE ACCESO A LA ADMINISTRACION DE ...<br \/><div class=\"pt-cv-rmwrap\"><a href=\"https:\/\/www.dmsjuridica.com\/buscador_20179478954\/corteconstitucionalcronologico202454587\/t-067-95\/\" class=\"_self pt-cv-readmore btn btn-success\" target=\"_self\">Ver Sentencia Completa...<\/a><\/div><\/div><\/div><\/div>\n<div class=\"col-md-12 col-sm-12 col-xs-12 pt-cv-content-item pt-cv-1-col\" ><div class='pt-cv-ifield'><a href=\"https:\/\/www.dmsjuridica.com\/buscador_20179478954\/corteconstitucionalcronologico202454587\/t-066-95\/\" class=\"_self pt-cv-href-thumbnail pt-cv-thumb-default\" target=\"_self\" ><\/a>\n<div class=\"pt-cv-taxoterm above_title\"><a href='https:\/\/www.dmsjuridica.com\/buscador_20179478954\/corteconstitucionalcronologico202454587\/category\/buscar-en-toda-la-corte\/1995\/tutelas-1995\/' title='Tutelas 1995' class='pt-cv-tax-tutelas-1995'>Tutelas 1995<\/a><\/div>\n<h4 class=\"pt-cv-title\"><a href=\"https:\/\/www.dmsjuridica.com\/buscador_20179478954\/corteconstitucionalcronologico202454587\/t-066-95\/\" class=\"_self\" target=\"_self\" >T 066 95<\/a><\/h4>\n<div class=\"pt-cv-content\">T-066-95 Sentencia No. T-066\/95 LIBERTAD DE LOCOMOCION-Obstrucci\u00f3n\/VIVIENDA-Dificultad para ingresar\/DERECHO A LA INTIMIDAD PERSONAL Y FAMILIAR-N\u00facleo esencial\/ACCION DE TUTELA CONTRA REGISTRADURIA-Oficina en zona residencial La libertad de locomoci\u00f3n del accionante, evidentemente vulnerada con las obstrucciones que se producen en la zona de ingreso a su vivienda por el flujo de personas y veh\u00edculos que requieren del servicio p\u00fablico a cargo de la entidad cuya conducta es cuestionada, no cuenta con las instalaciones necesarias para prestarlo adecuadamente sin sacrificar el derecho de los vecinos a entrar y salir libremente de sus casas, convirti\u00e9ndose por lo tanto en la causa eficiente de dicha ...<br \/><div class=\"pt-cv-rmwrap\"><a href=\"https:\/\/www.dmsjuridica.com\/buscador_20179478954\/corteconstitucionalcronologico202454587\/t-066-95\/\" class=\"_self pt-cv-readmore btn btn-success\" target=\"_self\">Ver Sentencia Completa...<\/a><\/div><\/div><\/div><\/div>\n<div class=\"col-md-12 col-sm-12 col-xs-12 pt-cv-content-item pt-cv-1-col\" ><div class='pt-cv-ifield'><a href=\"https:\/\/www.dmsjuridica.com\/buscador_20179478954\/corteconstitucionalcronologico202454587\/t-065-95\/\" class=\"_self pt-cv-href-thumbnail pt-cv-thumb-default\" target=\"_self\" ><\/a>\n<div class=\"pt-cv-taxoterm above_title\"><a href='https:\/\/www.dmsjuridica.com\/buscador_20179478954\/corteconstitucionalcronologico202454587\/category\/buscar-en-toda-la-corte\/1995\/tutelas-1995\/' title='Tutelas 1995' class='pt-cv-tax-tutelas-1995'>Tutelas 1995<\/a><\/div>\n<h4 class=\"pt-cv-title\"><a href=\"https:\/\/www.dmsjuridica.com\/buscador_20179478954\/corteconstitucionalcronologico202454587\/t-065-95\/\" class=\"_self\" target=\"_self\" >T 065 95<\/a><\/h4>\n<div class=\"pt-cv-content\">T-065-95 Sentencia No. T-065\/95 JUEZ DE EJECUCION DE PENAS Y MEDIDAS DE SEGURIDAD-Competencia para conocer acci\u00f3n de tutela Los jueces de ejecuci\u00f3n de penas y medidas de seguridad se incluyen dentro del t\u00e9rmino \"jueces\" establecido en el art\u00edculo 86 de la Carta Pol\u00edtica. Por consiguiente, el Juez de Ejecuci\u00f3n de Penas y Medidas de Seguridad es competente para conocer de la pretensi\u00f3n de la tutela. DERECHOS DEL INTERNO\/PRINCIPIO DE DIGNIDAD HUMANA DEL INTERNO Tal persona a pesar de tener suspendido su derecho a la libertad f\u00edsica, a\u00fan es titular y ejerce sus otros derechos fundamentales, los cuales s\u00f3lo pueden ser ...<br \/><div class=\"pt-cv-rmwrap\"><a href=\"https:\/\/www.dmsjuridica.com\/buscador_20179478954\/corteconstitucionalcronologico202454587\/t-065-95\/\" class=\"_self pt-cv-readmore btn btn-success\" target=\"_self\">Ver Sentencia Completa...<\/a><\/div><\/div><\/div><\/div>\n<div class=\"col-md-12 col-sm-12 col-xs-12 pt-cv-content-item pt-cv-1-col\" ><div class='pt-cv-ifield'><a href=\"https:\/\/www.dmsjuridica.com\/buscador_20179478954\/corteconstitucionalcronologico202454587\/t-064-95\/\" class=\"_self pt-cv-href-thumbnail pt-cv-thumb-default\" target=\"_self\" ><\/a>\n<div class=\"pt-cv-taxoterm above_title\"><a href='https:\/\/www.dmsjuridica.com\/buscador_20179478954\/corteconstitucionalcronologico202454587\/category\/buscar-en-toda-la-corte\/1995\/tutelas-1995\/' title='Tutelas 1995' class='pt-cv-tax-tutelas-1995'>Tutelas 1995<\/a><\/div>\n<h4 class=\"pt-cv-title\"><a href=\"https:\/\/www.dmsjuridica.com\/buscador_20179478954\/corteconstitucionalcronologico202454587\/t-064-95\/\" class=\"_self\" target=\"_self\" >T 064 95<\/a><\/h4>\n<div class=\"pt-cv-content\">T-064-95 Sentencia No. T-064\/95 PERSONAL DOCENTE-Doble asignaci\u00f3n\/PENSION DE JUBILACION Entre los preceptos que han venido favoreciendo a los docentes al servicio de entidades p\u00fablicas cabe se\u00f1alar el contenido en el art\u00edculo 5\u00ba del Decreto Ley 224 de 1972, a cuyo tenor \"el ejercicio de la docencia no ser\u00e1 incompatible con el goce de la pensi\u00f3n de jubilaci\u00f3n siempre y cuando el beneficiario est\u00e9 mental y f\u00edsicamente apto para la tarea docente, pero no se decretar\u00e1 el retiro forzoso del servicio al cumplir los 65 a\u00f1os de edad\". En efecto, amparada en la misma norma constitucional que la Caja invoca y ...<br \/><div class=\"pt-cv-rmwrap\"><a href=\"https:\/\/www.dmsjuridica.com\/buscador_20179478954\/corteconstitucionalcronologico202454587\/t-064-95\/\" class=\"_self pt-cv-readmore btn btn-success\" target=\"_self\">Ver Sentencia Completa...<\/a><\/div><\/div><\/div><\/div>\n<div class=\"col-md-12 col-sm-12 col-xs-12 pt-cv-content-item pt-cv-1-col\" ><div class='pt-cv-ifield'><a href=\"https:\/\/www.dmsjuridica.com\/buscador_20179478954\/corteconstitucionalcronologico202454587\/t-063-95\/\" class=\"_self pt-cv-href-thumbnail pt-cv-thumb-default\" target=\"_self\" ><\/a>\n<div class=\"pt-cv-taxoterm above_title\"><a href='https:\/\/www.dmsjuridica.com\/buscador_20179478954\/corteconstitucionalcronologico202454587\/category\/buscar-en-toda-la-corte\/1995\/tutelas-1995\/' title='Tutelas 1995' class='pt-cv-tax-tutelas-1995'>Tutelas 1995<\/a><\/div>\n<h4 class=\"pt-cv-title\"><a href=\"https:\/\/www.dmsjuridica.com\/buscador_20179478954\/corteconstitucionalcronologico202454587\/t-063-95\/\" class=\"_self\" target=\"_self\" >T 063 95<\/a><\/h4>\n<div class=\"pt-cv-content\">T-063-95 Sentencia No. T-063\/95 DERECHO AL PAGO OPORTUNO DEL SALARIO Para el trabajador, recibir el salario -que debe ser proporcional a la cantidad y calidad del trabajo, como lo dispone el art\u00edculo 53 de la Constituci\u00f3n- es un derecho inalienable de la persona y, por ende, el pago del mismo es una obligaci\u00f3n del patrono, que debe cumplir de manera completa y oportuna, a satisfacci\u00f3n del trabajador y de conformidad con lo acordado. Cabe la acci\u00f3n de tutela, de manera excepcional, para obtener una orden de inmediato cumplimiento que obligue al patrono a cumplir con el pago del salario, hasta ...<br \/><div class=\"pt-cv-rmwrap\"><a href=\"https:\/\/www.dmsjuridica.com\/buscador_20179478954\/corteconstitucionalcronologico202454587\/t-063-95\/\" class=\"_self pt-cv-readmore btn btn-success\" target=\"_self\">Ver Sentencia Completa...<\/a><\/div><\/div><\/div><\/div>\n<div class=\"col-md-12 col-sm-12 col-xs-12 pt-cv-content-item pt-cv-1-col\" ><div class='pt-cv-ifield'><a href=\"https:\/\/www.dmsjuridica.com\/buscador_20179478954\/corteconstitucionalcronologico202454587\/t-062-95\/\" class=\"_self pt-cv-href-thumbnail pt-cv-thumb-default\" target=\"_self\" ><\/a>\n<div class=\"pt-cv-taxoterm above_title\"><a href='https:\/\/www.dmsjuridica.com\/buscador_20179478954\/corteconstitucionalcronologico202454587\/category\/buscar-en-toda-la-corte\/1995\/tutelas-1995\/' title='Tutelas 1995' class='pt-cv-tax-tutelas-1995'>Tutelas 1995<\/a><\/div>\n<h4 class=\"pt-cv-title\"><a href=\"https:\/\/www.dmsjuridica.com\/buscador_20179478954\/corteconstitucionalcronologico202454587\/t-062-95\/\" class=\"_self\" target=\"_self\" >T 062 95<\/a><\/h4>\n<div class=\"pt-cv-content\">T-062-95 T-062\/95 JUEZ-Identificaci\u00f3n del derecho vulnerado\/PREVALENCIA DEL DERECHO SUSTANCIAL El juez tiene a cargo la responsabilidad de verificar los hechos, adecuando la normatividad a las circunstancias del caso, proceso durante el cual puede encontrar que ha sido desconocido o sometido a amenaza otro derecho fundamental distinto del invocado y, aun as\u00ed, tiene la obligaci\u00f3n de conceder la tutela si ella cabe a la luz de la Constituci\u00f3n. Descalificar la acci\u00f3n incoada por imprecisi\u00f3n en la referencia a los derechos comprometidos es imperdonable negligencia del fallador y desacato al principio constitucional que dispone una prevalencia del derecho sustancial. DERECHO AL AMBIENTE ...<br \/><div class=\"pt-cv-rmwrap\"><a href=\"https:\/\/www.dmsjuridica.com\/buscador_20179478954\/corteconstitucionalcronologico202454587\/t-062-95\/\" class=\"_self pt-cv-readmore btn btn-success\" target=\"_self\">Ver Sentencia Completa...<\/a><\/div><\/div><\/div><\/div>\n<div class=\"col-md-12 col-sm-12 col-xs-12 pt-cv-content-item pt-cv-1-col\" ><div class='pt-cv-ifield'><a href=\"https:\/\/www.dmsjuridica.com\/buscador_20179478954\/corteconstitucionalcronologico202454587\/t-061-95\/\" class=\"_self pt-cv-href-thumbnail pt-cv-thumb-default\" target=\"_self\" ><\/a>\n<div class=\"pt-cv-taxoterm above_title\"><a href='https:\/\/www.dmsjuridica.com\/buscador_20179478954\/corteconstitucionalcronologico202454587\/category\/buscar-en-toda-la-corte\/1995\/tutelas-1995\/' title='Tutelas 1995' class='pt-cv-tax-tutelas-1995'>Tutelas 1995<\/a><\/div>\n<h4 class=\"pt-cv-title\"><a href=\"https:\/\/www.dmsjuridica.com\/buscador_20179478954\/corteconstitucionalcronologico202454587\/t-061-95\/\" class=\"_self\" target=\"_self\" >T 061 95<\/a><\/h4>\n<div class=\"pt-cv-content\">T-061-95 Sentencia T-061\/95 DERECHO A LA EDUCACION-Nota acad\u00e9mica\/AUTONOMIA UNIVERSITARIA\/UNIVERSIDAD DE SUCRE Los establecimientos de educaci\u00f3n superior mediante la expedici\u00f3n de sus normas, en virtud de la garant\u00eda institucional de la autonom\u00eda, deben procurar por la calidad de la educaci\u00f3n. De ah\u00ed la importancia de la autorregulaci\u00f3n universitaria para que, en ejercicio de la misma, se se\u00f1alen unas pautas m\u00ednimas para que la ense\u00f1anza responda a las expectativas y necesidades sociales, dicho en un concepto de calidad de la educaci\u00f3n que tambi\u00e9n tiene consagraci\u00f3n constitucional. Por tanto, la conducta de la Universidad de Sucre no lesiona el derecho a la educaci\u00f3n, ...<br \/><div class=\"pt-cv-rmwrap\"><a href=\"https:\/\/www.dmsjuridica.com\/buscador_20179478954\/corteconstitucionalcronologico202454587\/t-061-95\/\" class=\"_self pt-cv-readmore btn btn-success\" target=\"_self\">Ver Sentencia Completa...<\/a><\/div><\/div><\/div><\/div>\n<div class=\"col-md-12 col-sm-12 col-xs-12 pt-cv-content-item pt-cv-1-col\" ><div class='pt-cv-ifield'><a href=\"https:\/\/www.dmsjuridica.com\/buscador_20179478954\/corteconstitucionalcronologico202454587\/t-060-95\/\" class=\"_self pt-cv-href-thumbnail pt-cv-thumb-default\" target=\"_self\" ><\/a>\n<div class=\"pt-cv-taxoterm above_title\"><a href='https:\/\/www.dmsjuridica.com\/buscador_20179478954\/corteconstitucionalcronologico202454587\/category\/buscar-en-toda-la-corte\/1995\/tutelas-1995\/' title='Tutelas 1995' class='pt-cv-tax-tutelas-1995'>Tutelas 1995<\/a><\/div>\n<h4 class=\"pt-cv-title\"><a href=\"https:\/\/www.dmsjuridica.com\/buscador_20179478954\/corteconstitucionalcronologico202454587\/t-060-95\/\" class=\"_self\" target=\"_self\" >T 060 95<\/a><\/h4>\n<div class=\"pt-cv-content\">T-060-95 Sentencia No. T-060\/95 CONTROVERSIA FAMILIAR\/VIOLENCIA MORAL\/ACCION DE TUTELA CONTRA LOS HIJOS-Venta de inmueble La peticionaria - que s\u00f3lo acredit\u00f3 la existencia de una situaci\u00f3n familiar de desavenencia que no alcanza a ser calificada de violencia familiar - est\u00e1 demandando del ordenamiento jur\u00eddico una contribuci\u00f3n que supera su capacidad para incidir en el cuerpo social. La soluci\u00f3n a los problemas de la peticionaria debe ser encontrada, en estas circunstancias, en el \u00e1mbito moral propio de las relaciones intersubjetivas familiares y no en el derecho. La tutela sin embargo, si se llegaren a presentar hechos nuevos indicadores de maltrato f\u00edsico o ...<br \/><div class=\"pt-cv-rmwrap\"><a href=\"https:\/\/www.dmsjuridica.com\/buscador_20179478954\/corteconstitucionalcronologico202454587\/t-060-95\/\" class=\"_self pt-cv-readmore btn btn-success\" target=\"_self\">Ver Sentencia Completa...<\/a><\/div><\/div><\/div><\/div>\n<div class=\"col-md-12 col-sm-12 col-xs-12 pt-cv-content-item pt-cv-1-col\" ><div class='pt-cv-ifield'><a href=\"https:\/\/www.dmsjuridica.com\/buscador_20179478954\/corteconstitucionalcronologico202454587\/t-059-95\/\" class=\"_self pt-cv-href-thumbnail pt-cv-thumb-default\" target=\"_self\" ><\/a>\n<div class=\"pt-cv-taxoterm above_title\"><a href='https:\/\/www.dmsjuridica.com\/buscador_20179478954\/corteconstitucionalcronologico202454587\/category\/buscar-en-toda-la-corte\/1995\/tutelas-1995\/' title='Tutelas 1995' class='pt-cv-tax-tutelas-1995'>Tutelas 1995<\/a><\/div>\n<h4 class=\"pt-cv-title\"><a href=\"https:\/\/www.dmsjuridica.com\/buscador_20179478954\/corteconstitucionalcronologico202454587\/t-059-95\/\" class=\"_self\" target=\"_self\" >T 059 95<\/a><\/h4>\n<div class=\"pt-cv-content\">T-059-95 Sentencia No. T-059\/95 MEDIOS DE COMUNICACION-Pluralismo El acceso en condiciones de igualdad a los medios de comunicaci\u00f3n, encuentra respaldo en el valor del pluralismo (C.P. art. 1) entendido como una condici\u00f3n de posibilidad de la realizaci\u00f3n de todos los dem\u00e1s valores, principios y derechos constitucionales. El pluralismo representa un espacio de libertad para la toma de decisiones que fundamenta y legitima el orden valorativo plasmado en la constituci\u00f3n pol\u00edtica. Es en este sentido que se trata de un valor fundante del ordenamiento constitucional que explica e inspira todo el andamiaje institucional del Estado. DERECHO A LA PARTICIPACION POLITICA\/MEDIOS DE ...<br \/><div class=\"pt-cv-rmwrap\"><a href=\"https:\/\/www.dmsjuridica.com\/buscador_20179478954\/corteconstitucionalcronologico202454587\/t-059-95\/\" class=\"_self pt-cv-readmore btn btn-success\" target=\"_self\">Ver Sentencia Completa...<\/a><\/div><\/div><\/div><\/div>\n<div class=\"col-md-12 col-sm-12 col-xs-12 pt-cv-content-item pt-cv-1-col\" ><div class='pt-cv-ifield'><a href=\"https:\/\/www.dmsjuridica.com\/buscador_20179478954\/corteconstitucionalcronologico202454587\/t-058-95\/\" class=\"_self pt-cv-href-thumbnail pt-cv-thumb-default\" target=\"_self\" ><\/a>\n<div class=\"pt-cv-taxoterm above_title\"><a href='https:\/\/www.dmsjuridica.com\/buscador_20179478954\/corteconstitucionalcronologico202454587\/category\/buscar-en-toda-la-corte\/1995\/tutelas-1995\/' title='Tutelas 1995' class='pt-cv-tax-tutelas-1995'>Tutelas 1995<\/a><\/div>\n<h4 class=\"pt-cv-title\"><a href=\"https:\/\/www.dmsjuridica.com\/buscador_20179478954\/corteconstitucionalcronologico202454587\/t-058-95\/\" class=\"_self\" target=\"_self\" >T 058 95<\/a><\/h4>\n<div class=\"pt-cv-content\">T-058-95 Sentencia No. T-058\/95 SUSTITUCION PENSIONAL-Hija inv\u00e1lida y casada\/PRESUNCION DE INDEPENDENCIA ECONOMICA La condici\u00f3n material de fondo que exige la ley para obtener el derecho a la sustituci\u00f3n pensional consiste en la dependencia econ\u00f3mica del titular del derecho. El decreto 1160 de 1989 -fundado en la ley 71 de 1988- presume que se encuentran en esta situaci\u00f3n las siguientes personas: 1) los hijos menores de 18 a\u00f1os, 2) los hijos inv\u00e1lidos de cualquier edad y 3) los estudiantes de 18 a\u00f1os o m\u00e1s que dependan econ\u00f3micamente del causante. De acuerdo con esto, la peticionaria deb\u00eda demostrar: 1) que era inv\u00e1lida ...<br \/><div class=\"pt-cv-rmwrap\"><a href=\"https:\/\/www.dmsjuridica.com\/buscador_20179478954\/corteconstitucionalcronologico202454587\/t-058-95\/\" class=\"_self pt-cv-readmore btn btn-success\" target=\"_self\">Ver Sentencia Completa...<\/a><\/div><\/div><\/div><\/div>\n<div class=\"col-md-12 col-sm-12 col-xs-12 pt-cv-content-item pt-cv-1-col\" ><div class='pt-cv-ifield'><a href=\"https:\/\/www.dmsjuridica.com\/buscador_20179478954\/corteconstitucionalcronologico202454587\/t-057-95\/\" class=\"_self pt-cv-href-thumbnail pt-cv-thumb-default\" target=\"_self\" ><\/a>\n<div class=\"pt-cv-taxoterm above_title\"><a href='https:\/\/www.dmsjuridica.com\/buscador_20179478954\/corteconstitucionalcronologico202454587\/category\/buscar-en-toda-la-corte\/1995\/tutelas-1995\/' title='Tutelas 1995' class='pt-cv-tax-tutelas-1995'>Tutelas 1995<\/a><\/div>\n<h4 class=\"pt-cv-title\"><a href=\"https:\/\/www.dmsjuridica.com\/buscador_20179478954\/corteconstitucionalcronologico202454587\/t-057-95\/\" class=\"_self\" target=\"_self\" >T 057 95<\/a><\/h4>\n<div class=\"pt-cv-content\">T-057-95 Sentencia No. T-057\/95 TRIBUNAL DE ARBITRAMENTO\/PROCESO EJECUTIVO Si bien es cierto que los art\u00edculos 2011 y 663, fueron derogados por el decreto 2651 de 1.991, la normatividad vigente s\u00f3lo contempla la posibilidad de acudir a arbitramento en un proceso de ejecuci\u00f3n cuando la decisi\u00f3n tiene origen en un compromiso, es decir, \u00e9llo, s\u00f3lo podr\u00e1 darse cuando las partes, una vez surgido y determinado el objeto de la controversia, celebran un acuerdo. Por lo tanto, la legislaci\u00f3n no contempla la posibilidad de pactar la cl\u00e1usula compromisoria con el objeto de excluir ex ante la competencia radicada en los jueces para ...<br \/><div class=\"pt-cv-rmwrap\"><a href=\"https:\/\/www.dmsjuridica.com\/buscador_20179478954\/corteconstitucionalcronologico202454587\/t-057-95\/\" class=\"_self pt-cv-readmore btn btn-success\" target=\"_self\">Ver Sentencia Completa...<\/a><\/div><\/div><\/div><\/div>\n<div class=\"col-md-12 col-sm-12 col-xs-12 pt-cv-content-item pt-cv-1-col\" ><div class='pt-cv-ifield'><a href=\"https:\/\/www.dmsjuridica.com\/buscador_20179478954\/corteconstitucionalcronologico202454587\/t-050-95\/\" class=\"_self pt-cv-href-thumbnail pt-cv-thumb-default\" target=\"_self\" ><\/a>\n<div class=\"pt-cv-taxoterm above_title\"><a href='https:\/\/www.dmsjuridica.com\/buscador_20179478954\/corteconstitucionalcronologico202454587\/category\/buscar-en-toda-la-corte\/1995\/tutelas-1995\/' title='Tutelas 1995' class='pt-cv-tax-tutelas-1995'>Tutelas 1995<\/a><\/div>\n<h4 class=\"pt-cv-title\"><a href=\"https:\/\/www.dmsjuridica.com\/buscador_20179478954\/corteconstitucionalcronologico202454587\/t-050-95\/\" class=\"_self\" target=\"_self\" >T 050 95<\/a><\/h4>\n<div class=\"pt-cv-content\">T-050-95 Sentencia No. T-050\/95 DERECHO DE PETICION-Motivos de inter\u00e9s particular\/SUSTITUCION PENSIONAL-Respuesta de la administraci\u00f3n\/CAJA NACIONAL DE PREVISION SOCIAL El derecho de petici\u00f3n, siempre que se eleve respetuosamente, tambi\u00e9n puede presentarse por motivos de inter\u00e9s particular y que la esencia del derecho es la de la garant\u00eda jur\u00eddica superior de que se dar\u00e1 respuesta y resoluci\u00f3n pronta a la persona que lo ejerza; en este sentido, es posible que en ejercicio del citado derecho constitucional fundamental de petici\u00f3n, se reclame otro derecho o un inter\u00e9s particular de rango diferente, o que se pida un objeto o se plantee una causa que ...<br \/><div class=\"pt-cv-rmwrap\"><a href=\"https:\/\/www.dmsjuridica.com\/buscador_20179478954\/corteconstitucionalcronologico202454587\/t-050-95\/\" class=\"_self pt-cv-readmore btn btn-success\" target=\"_self\">Ver Sentencia Completa...<\/a><\/div><\/div><\/div><\/div>\n<div class=\"col-md-12 col-sm-12 col-xs-12 pt-cv-content-item pt-cv-1-col\" ><div class='pt-cv-ifield'><a href=\"https:\/\/www.dmsjuridica.com\/buscador_20179478954\/corteconstitucionalcronologico202454587\/t-049-95\/\" class=\"_self pt-cv-href-thumbnail pt-cv-thumb-default\" target=\"_self\" ><\/a>\n<div class=\"pt-cv-taxoterm above_title\"><a href='https:\/\/www.dmsjuridica.com\/buscador_20179478954\/corteconstitucionalcronologico202454587\/category\/buscar-en-toda-la-corte\/1995\/tutelas-1995\/' title='Tutelas 1995' class='pt-cv-tax-tutelas-1995'>Tutelas 1995<\/a><\/div>\n<h4 class=\"pt-cv-title\"><a href=\"https:\/\/www.dmsjuridica.com\/buscador_20179478954\/corteconstitucionalcronologico202454587\/t-049-95\/\" class=\"_self\" target=\"_self\" >T 049 95<\/a><\/h4>\n<div class=\"pt-cv-content\">T-049-95 Sentencia No. T-049\/95 ACCION DE TUTELA INTERPUESTA POR PROCURADURIA\/ACCION DE TUTELA-Informalidad\/DEMANDA DE TUTELA-Nombres de accionantes La Procuradora Delegada para el Menor y la Familia puede solicitar el amparo si considera que unos ni\u00f1os o adolescentes ven afectados sus derechos fundamentales. En el caso de ni\u00f1os minusv\u00e1lidos, desamparados, con mayor raz\u00f3n hay inter\u00e9s de la Procuradur\u00eda para solicitar la tutela porque procede agenciando derechos ajenos \"cuando el titular de los mismos no est\u00e1 en condiciones de promover su propia defensa\". Dado el car\u00e1cter informal de la acci\u00f3n, la funcionaria no est\u00e1 obligada a relacionar en la solicitud los nombres de ...<br \/><div class=\"pt-cv-rmwrap\"><a href=\"https:\/\/www.dmsjuridica.com\/buscador_20179478954\/corteconstitucionalcronologico202454587\/t-049-95\/\" class=\"_self pt-cv-readmore btn btn-success\" target=\"_self\">Ver Sentencia Completa...<\/a><\/div><\/div><\/div><\/div>\n<div class=\"col-md-12 col-sm-12 col-xs-12 pt-cv-content-item pt-cv-1-col\" ><div class='pt-cv-ifield'><a href=\"https:\/\/www.dmsjuridica.com\/buscador_20179478954\/corteconstitucionalcronologico202454587\/t-048-95\/\" class=\"_self pt-cv-href-thumbnail pt-cv-thumb-default\" target=\"_self\" ><\/a>\n<div class=\"pt-cv-taxoterm above_title\"><a href='https:\/\/www.dmsjuridica.com\/buscador_20179478954\/corteconstitucionalcronologico202454587\/category\/buscar-en-toda-la-corte\/1995\/tutelas-1995\/' title='Tutelas 1995' class='pt-cv-tax-tutelas-1995'>Tutelas 1995<\/a><\/div>\n<h4 class=\"pt-cv-title\"><a href=\"https:\/\/www.dmsjuridica.com\/buscador_20179478954\/corteconstitucionalcronologico202454587\/t-048-95\/\" class=\"_self\" target=\"_self\" >T 048 95<\/a><\/h4>\n<div class=\"pt-cv-content\">T-048-95 Sentencia No. T-048\/95 PROCESO POLICIVO\/AMPARO POLICIVO-Naturaleza\/ACTO JURISDICCIONAL En el \"amparo policivo\" no se discute ni decide por tanto, sobre la fuente del derecho que protege al actor o a sus contradictores, por lo que el debate se limita exclusivamente a preservar o a restablecer la situaci\u00f3n de hecho al estado anterior (statu quo) a la perturbaci\u00f3n o a la p\u00e9rdida de la posesi\u00f3n o tenencia del demandante sobre el bien. S\u00f3lo frente al juez competente puede plantearse el debate en torno al derecho sustancial en conflicto, es decir, sobre la titularidad del respectivo derecho real o personal (propiedad, posesi\u00f3n, ...<br \/><div class=\"pt-cv-rmwrap\"><a href=\"https:\/\/www.dmsjuridica.com\/buscador_20179478954\/corteconstitucionalcronologico202454587\/t-048-95\/\" class=\"_self pt-cv-readmore btn btn-success\" target=\"_self\">Ver Sentencia Completa...<\/a><\/div><\/div><\/div><\/div>\n<div class=\"col-md-12 col-sm-12 col-xs-12 pt-cv-content-item pt-cv-1-col\" ><div class='pt-cv-ifield'><a href=\"https:\/\/www.dmsjuridica.com\/buscador_20179478954\/corteconstitucionalcronologico202454587\/t-047-95\/\" class=\"_self pt-cv-href-thumbnail pt-cv-thumb-default\" target=\"_self\" ><\/a>\n<div class=\"pt-cv-taxoterm above_title\"><a href='https:\/\/www.dmsjuridica.com\/buscador_20179478954\/corteconstitucionalcronologico202454587\/category\/buscar-en-toda-la-corte\/1995\/tutelas-1995\/' title='Tutelas 1995' class='pt-cv-tax-tutelas-1995'>Tutelas 1995<\/a><\/div>\n<h4 class=\"pt-cv-title\"><a href=\"https:\/\/www.dmsjuridica.com\/buscador_20179478954\/corteconstitucionalcronologico202454587\/t-047-95\/\" class=\"_self\" target=\"_self\" >T 047 95<\/a><\/h4>\n<div class=\"pt-cv-content\">T-047-95 Sentencia No. T-047\/95 DERECHOS-L\u00edmites Todo derecho, as\u00ed sea fundamental, es limitado. El derecho de un individuo est\u00e1 limitado por los derechos de los otros asociados, por el orden p\u00fablico, por el bien com\u00fan y por el deber correlativo. Si se analiza a fondo la limitaci\u00f3n de un derecho, se encontrar\u00e1 que hay l\u00edmites intr\u00ednsecos, es decir, del mismo ente, y l\u00edmites extr\u00ednsecos, o sea, puestos por el Estado o reconocidos por \u00e9ste. Los l\u00edmites intr\u00ednsecos son emanados de la esencia finita del objeto jur\u00eddico protegido. Estos l\u00edmites son dados, tambi\u00e9n, por la misma condici\u00f3n del sujeto, que no es ...<br \/><div class=\"pt-cv-rmwrap\"><a href=\"https:\/\/www.dmsjuridica.com\/buscador_20179478954\/corteconstitucionalcronologico202454587\/t-047-95\/\" class=\"_self pt-cv-readmore btn btn-success\" target=\"_self\">Ver Sentencia Completa...<\/a><\/div><\/div><\/div><\/div>\n<div class=\"col-md-12 col-sm-12 col-xs-12 pt-cv-content-item pt-cv-1-col\" ><div class='pt-cv-ifield'><a href=\"https:\/\/www.dmsjuridica.com\/buscador_20179478954\/corteconstitucionalcronologico202454587\/t-046-95\/\" class=\"_self pt-cv-href-thumbnail pt-cv-thumb-default\" target=\"_self\" ><\/a>\n<div class=\"pt-cv-taxoterm above_title\"><a href='https:\/\/www.dmsjuridica.com\/buscador_20179478954\/corteconstitucionalcronologico202454587\/category\/buscar-en-toda-la-corte\/1995\/tutelas-1995\/' title='Tutelas 1995' class='pt-cv-tax-tutelas-1995'>Tutelas 1995<\/a><\/div>\n<h4 class=\"pt-cv-title\"><a href=\"https:\/\/www.dmsjuridica.com\/buscador_20179478954\/corteconstitucionalcronologico202454587\/t-046-95\/\" class=\"_self\" target=\"_self\" >T 046 95<\/a><\/h4>\n<div class=\"pt-cv-content\">T-046-95 Sentencia No. T-046\/95 PRINCIPIO DE LA BUENA FE\/CONCURSO DE MERITOS-Nombramiento de quien obtuvo el primer puesto Para la Corte es claro que el Estado traiciona los principios constitucionales y se burla de los gobernados -haci\u00e9ndose por ello responsable- cuando por actos o promesas suyas los induce a creer que la sujeci\u00f3n a un proceso o a unas reglas de juego definidas habr\u00e1 de producir determinadas consecuencias y luego, como los malos perdedores, desconoce los resultados correspondientes. Si, pese a no estar obligado por la normatividad, un organismo del Estado convoca un concurso para proveer determinado cargo, no puede dejar ...<br \/><div class=\"pt-cv-rmwrap\"><a href=\"https:\/\/www.dmsjuridica.com\/buscador_20179478954\/corteconstitucionalcronologico202454587\/t-046-95\/\" class=\"_self pt-cv-readmore btn btn-success\" target=\"_self\">Ver Sentencia Completa...<\/a><\/div><\/div><\/div><\/div>\n<div class=\"col-md-12 col-sm-12 col-xs-12 pt-cv-content-item pt-cv-1-col\" ><div class='pt-cv-ifield'><a href=\"https:\/\/www.dmsjuridica.com\/buscador_20179478954\/corteconstitucionalcronologico202454587\/t-045-95\/\" class=\"_self pt-cv-href-thumbnail pt-cv-thumb-default\" target=\"_self\" ><\/a>\n<div class=\"pt-cv-taxoterm above_title\"><a href='https:\/\/www.dmsjuridica.com\/buscador_20179478954\/corteconstitucionalcronologico202454587\/category\/buscar-en-toda-la-corte\/1995\/tutelas-1995\/' title='Tutelas 1995' class='pt-cv-tax-tutelas-1995'>Tutelas 1995<\/a><\/div>\n<h4 class=\"pt-cv-title\"><a href=\"https:\/\/www.dmsjuridica.com\/buscador_20179478954\/corteconstitucionalcronologico202454587\/t-045-95\/\" class=\"_self\" target=\"_self\" >T 045 95<\/a><\/h4>\n<div class=\"pt-cv-content\">T-045-95 Sentencia No. T-045\/95 Si se parte de la base de lo efectivamente probado, es decir, que el demandado no profiri\u00f3 amenazas en el sentido de que desalojar\u00eda a su ex-esposa mediante el uso de la fuerza al margen de la ley, sino que s\u00f3lo acept\u00f3 haberle dicho que \u00e9l quer\u00eda una repartici\u00f3n de bienes a trav\u00e9s de la autoridad competente, la Sala tendr\u00e1 que determinar si tal manifestaci\u00f3n viola o pone en peligro alg\u00fan derecho constitucional fundamental. Conforme a estas premisas, es claro que la simple manifestaci\u00f3n que el accionado hizo a su ex-compa\u00f1era, transmiti\u00e9ndole su intenci\u00f3n de demandarla ...<br \/><div class=\"pt-cv-rmwrap\"><a href=\"https:\/\/www.dmsjuridica.com\/buscador_20179478954\/corteconstitucionalcronologico202454587\/t-045-95\/\" class=\"_self pt-cv-readmore btn btn-success\" target=\"_self\">Ver Sentencia Completa...<\/a><\/div><\/div><\/div><\/div>\n<div class=\"col-md-12 col-sm-12 col-xs-12 pt-cv-content-item pt-cv-1-col\" ><div class='pt-cv-ifield'><a href=\"https:\/\/www.dmsjuridica.com\/buscador_20179478954\/corteconstitucionalcronologico202454587\/t-037-95\/\" class=\"_self pt-cv-href-thumbnail pt-cv-thumb-default\" target=\"_self\" ><\/a>\n<div class=\"pt-cv-taxoterm above_title\"><a href='https:\/\/www.dmsjuridica.com\/buscador_20179478954\/corteconstitucionalcronologico202454587\/category\/buscar-en-toda-la-corte\/1995\/tutelas-1995\/' title='Tutelas 1995' class='pt-cv-tax-tutelas-1995'>Tutelas 1995<\/a><\/div>\n<h4 class=\"pt-cv-title\"><a href=\"https:\/\/www.dmsjuridica.com\/buscador_20179478954\/corteconstitucionalcronologico202454587\/t-037-95\/\" class=\"_self\" target=\"_self\" >T 037 95<\/a><\/h4>\n<div class=\"pt-cv-content\">T-037-95 Sentencia No. T-037\/95 HOMOSEXUALIDAD EN LAS FUERZAS MILITARES No es violatorio de los derechos fundamentales el acto por el cual se sanciona a un estudiante por incurrir en faltas que comprometen la disciplina del plantel, siempre que se respeten las garant\u00edas del debido proceso, que se prueben los hechos imputados y que la sanci\u00f3n est\u00e9 contemplada previamente en el respectivo reglamento. Tanto los actos de homosexualidad como los que impliquen objetivamente el acoso o asedio a los compa\u00f1eros dentro del establecimiento, quebrantan de manera ostensible y grave la disciplina y adem\u00e1s ofenden a los dem\u00e1s integrantes de la comunidad ...<br \/><div class=\"pt-cv-rmwrap\"><a href=\"https:\/\/www.dmsjuridica.com\/buscador_20179478954\/corteconstitucionalcronologico202454587\/t-037-95\/\" class=\"_self pt-cv-readmore btn btn-success\" target=\"_self\">Ver Sentencia Completa...<\/a><\/div><\/div><\/div><\/div>\n<div class=\"col-md-12 col-sm-12 col-xs-12 pt-cv-content-item pt-cv-1-col\" ><div class='pt-cv-ifield'><a href=\"https:\/\/www.dmsjuridica.com\/buscador_20179478954\/corteconstitucionalcronologico202454587\/t-036-95\/\" class=\"_self pt-cv-href-thumbnail pt-cv-thumb-default\" target=\"_self\" ><\/a>\n<div class=\"pt-cv-taxoterm above_title\"><a href='https:\/\/www.dmsjuridica.com\/buscador_20179478954\/corteconstitucionalcronologico202454587\/category\/buscar-en-toda-la-corte\/1995\/tutelas-1995\/' title='Tutelas 1995' class='pt-cv-tax-tutelas-1995'>Tutelas 1995<\/a><\/div>\n<h4 class=\"pt-cv-title\"><a href=\"https:\/\/www.dmsjuridica.com\/buscador_20179478954\/corteconstitucionalcronologico202454587\/t-036-95\/\" class=\"_self\" target=\"_self\" >T 036 95<\/a><\/h4>\n<div class=\"pt-cv-content\">T-036-95 Sentencia No. T-036\/95 ACCION DE TUTELA CONTRA PARTICULARES-Indefensi\u00f3n Los peticionarios son dos ancianos de 64 y 81 a\u00f1os de edad respectivamente, que viven solos y que subsisten con lo que produce una hect\u00e1rea de tierra, explotada rudimentariamente y con sus propias manos, en la cual mantienen algunas aves de corral, y cultivan caf\u00e9 y c\u00edtricos. Todas las declaraciones, testimonios de terceros e inspecciones judiciales que obran en el expediente dan fe de la extrema pobreza de los accionantes y del desamparo en que se encuentran, tanto por parte del Estado como de sus familiares. DEBERES CONSTITUCIONALES-Incumplimiento\/JUEZ DE TUTELA-Facultades Los ...<br \/><div class=\"pt-cv-rmwrap\"><a href=\"https:\/\/www.dmsjuridica.com\/buscador_20179478954\/corteconstitucionalcronologico202454587\/t-036-95\/\" class=\"_self pt-cv-readmore btn btn-success\" target=\"_self\">Ver Sentencia Completa...<\/a><\/div><\/div><\/div><\/div>\n<div class=\"col-md-12 col-sm-12 col-xs-12 pt-cv-content-item pt-cv-1-col\" ><div class='pt-cv-ifield'><a href=\"https:\/\/www.dmsjuridica.com\/buscador_20179478954\/corteconstitucionalcronologico202454587\/t-035-95\/\" class=\"_self pt-cv-href-thumbnail pt-cv-thumb-default\" target=\"_self\" ><\/a>\n<div class=\"pt-cv-taxoterm above_title\"><a href='https:\/\/www.dmsjuridica.com\/buscador_20179478954\/corteconstitucionalcronologico202454587\/category\/buscar-en-toda-la-corte\/1995\/tutelas-1995\/' title='Tutelas 1995' class='pt-cv-tax-tutelas-1995'>Tutelas 1995<\/a><\/div>\n<h4 class=\"pt-cv-title\"><a href=\"https:\/\/www.dmsjuridica.com\/buscador_20179478954\/corteconstitucionalcronologico202454587\/t-035-95\/\" class=\"_self\" target=\"_self\" >T 035 95<\/a><\/h4>\n<div class=\"pt-cv-content\">T-035-95 Sentencia No. T-035\/95 ESTUDIANTE-Promedio de notas\/COLEGIO MARYMOUNT-Exigencias acad\u00e9micas\/REGLAMENTO EDUCATIVO Si la estudiante obtuvo un promedio superior al exigido legalmente, resulta inequ\u00edvoco que no perdi\u00f3 el a\u00f1o escolar, y en las condiciones de la ley y del reglamento oficial puede pasar al grado siguiente, pero, desde luego, en otro plantel con exigencias acordes a sus resultados objetivos. Frente al caso subex\u00e1mine es menester entender que el reglamento del plantel educativo, es la base fundamental orientadora de la filosof\u00eda del Colegio, sin el cual no ser\u00eda posible mantener un nivel de excelencia, lo cual puede conducir al retiro o p\u00e9rdida del ...<br \/><div class=\"pt-cv-rmwrap\"><a href=\"https:\/\/www.dmsjuridica.com\/buscador_20179478954\/corteconstitucionalcronologico202454587\/t-035-95\/\" class=\"_self pt-cv-readmore btn btn-success\" target=\"_self\">Ver Sentencia Completa...<\/a><\/div><\/div><\/div><\/div>\n<div class=\"col-md-12 col-sm-12 col-xs-12 pt-cv-content-item pt-cv-1-col\" ><div class='pt-cv-ifield'><a href=\"https:\/\/www.dmsjuridica.com\/buscador_20179478954\/corteconstitucionalcronologico202454587\/t-034-95\/\" class=\"_self pt-cv-href-thumbnail pt-cv-thumb-default\" target=\"_self\" ><\/a>\n<div class=\"pt-cv-taxoterm above_title\"><a href='https:\/\/www.dmsjuridica.com\/buscador_20179478954\/corteconstitucionalcronologico202454587\/category\/buscar-en-toda-la-corte\/1995\/tutelas-1995\/' title='Tutelas 1995' class='pt-cv-tax-tutelas-1995'>Tutelas 1995<\/a><\/div>\n<h4 class=\"pt-cv-title\"><a href=\"https:\/\/www.dmsjuridica.com\/buscador_20179478954\/corteconstitucionalcronologico202454587\/t-034-95\/\" class=\"_self\" target=\"_self\" >T 034 95<\/a><\/h4>\n<div class=\"pt-cv-content\">T-034-95 Sentencia No. T-034\/95 DERECHO A LA INTIMIDAD PERSONAL Y FAMILIAR-Actos p\u00fablicos La publicidad de las actuaciones y de los intereses, desplegada por la persona excluye el amparo del derecho. Los hechos que por decisi\u00f3n del sujeto est\u00e1n al conocimiento p\u00fablicos han sido despojados de la intimidad amparable en el derecho fundamental comentado. Cuando la persona, adem\u00e1s de actuar dentro de un \u00e1mbito p\u00fablico, lo hace con la intenci\u00f3n de ser visto y escuchado por quienes all\u00ed se encuentran, es l\u00f3gico pensar que est\u00e1 actuando por fuera de su zona de privacidad, y, al mismo tiempo, se propicia a que ...<br \/><div class=\"pt-cv-rmwrap\"><a href=\"https:\/\/www.dmsjuridica.com\/buscador_20179478954\/corteconstitucionalcronologico202454587\/t-034-95\/\" class=\"_self pt-cv-readmore btn btn-success\" target=\"_self\">Ver Sentencia Completa...<\/a><\/div><\/div><\/div><\/div>\n<div class=\"col-md-12 col-sm-12 col-xs-12 pt-cv-content-item pt-cv-1-col\" ><div class='pt-cv-ifield'><a href=\"https:\/\/www.dmsjuridica.com\/buscador_20179478954\/corteconstitucionalcronologico202454587\/t-033-95\/\" class=\"_self pt-cv-href-thumbnail pt-cv-thumb-default\" target=\"_self\" ><\/a>\n<div class=\"pt-cv-taxoterm above_title\"><a href='https:\/\/www.dmsjuridica.com\/buscador_20179478954\/corteconstitucionalcronologico202454587\/category\/buscar-en-toda-la-corte\/1995\/tutelas-1995\/' title='Tutelas 1995' class='pt-cv-tax-tutelas-1995'>Tutelas 1995<\/a><\/div>\n<h4 class=\"pt-cv-title\"><a href=\"https:\/\/www.dmsjuridica.com\/buscador_20179478954\/corteconstitucionalcronologico202454587\/t-033-95\/\" class=\"_self\" target=\"_self\" >T 033 95<\/a><\/h4>\n<div class=\"pt-cv-content\">T-033-95 Sentencia No. T-033\/95 LEGITIMACION POR ACTIVA EN TUTELA De los hechos y pretensiones de la demanda, se puede deducir que existe por parte de la peticionaria m\u00e1s que la simple intenci\u00f3n de amparar una situaci\u00f3n de hecho concreta y personal (cual es la supuesta amenaza o vulneraci\u00f3n de su derecho a la vida), el prop\u00f3sito de proteger derechos e intereses colectivos de los vecinos de la vereda, a trav\u00e9s de la construcci\u00f3n de un carreteable. En consecuencia, al no haber acreditado la calidad de representante o agente oficiosa de los vecinos, no est\u00e1 facultada para solicitar el amparo de ...<br \/><div class=\"pt-cv-rmwrap\"><a href=\"https:\/\/www.dmsjuridica.com\/buscador_20179478954\/corteconstitucionalcronologico202454587\/t-033-95\/\" class=\"_self pt-cv-readmore btn btn-success\" target=\"_self\">Ver Sentencia Completa...<\/a><\/div><\/div><\/div><\/div>\n<div class=\"col-md-12 col-sm-12 col-xs-12 pt-cv-content-item pt-cv-1-col\" ><div class='pt-cv-ifield'><a href=\"https:\/\/www.dmsjuridica.com\/buscador_20179478954\/corteconstitucionalcronologico202454587\/t-032-95\/\" class=\"_self pt-cv-href-thumbnail pt-cv-thumb-default\" target=\"_self\" ><\/a>\n<div class=\"pt-cv-taxoterm above_title\"><a href='https:\/\/www.dmsjuridica.com\/buscador_20179478954\/corteconstitucionalcronologico202454587\/category\/buscar-en-toda-la-corte\/1995\/tutelas-1995\/' title='Tutelas 1995' class='pt-cv-tax-tutelas-1995'>Tutelas 1995<\/a><\/div>\n<h4 class=\"pt-cv-title\"><a href=\"https:\/\/www.dmsjuridica.com\/buscador_20179478954\/corteconstitucionalcronologico202454587\/t-032-95\/\" class=\"_self\" target=\"_self\" >T 032 95<\/a><\/h4>\n<div class=\"pt-cv-content\">T-032-95 Sentencia No. T-032\/95 DERECHO A LA COMUNICACION-Alcance\/DERECHO A LA COMUNICACION-Instalaci\u00f3n de tel\u00e9fono El derecho a la comunicaci\u00f3n tiene un sentido mucho m\u00e1s amplio, pues su n\u00facleo esencial no consiste en el acceso a determinado medio o sistema sino en la libre opci\u00f3n de establecer contacto con otras personas, en el curso de un proceso que incorpora la mutua emisi\u00f3n de mensajes, su recepci\u00f3n, procesamiento mental y respuesta, bien que ello se haga mediante el uso directo del lenguaje, la escritura o los s\u00edmbolos, o por aplicaci\u00f3n de la tecnolog\u00eda. En el caso presente no se afect\u00f3 el n\u00facleo esencial ...<br \/><div class=\"pt-cv-rmwrap\"><a href=\"https:\/\/www.dmsjuridica.com\/buscador_20179478954\/corteconstitucionalcronologico202454587\/t-032-95\/\" class=\"_self pt-cv-readmore btn btn-success\" target=\"_self\">Ver Sentencia Completa...<\/a><\/div><\/div><\/div><\/div>\n<div class=\"col-md-12 col-sm-12 col-xs-12 pt-cv-content-item pt-cv-1-col\" ><div class='pt-cv-ifield'><a href=\"https:\/\/www.dmsjuridica.com\/buscador_20179478954\/corteconstitucionalcronologico202454587\/t-025-95\/\" class=\"_self pt-cv-href-thumbnail pt-cv-thumb-default\" target=\"_self\" ><\/a>\n<div class=\"pt-cv-taxoterm above_title\"><a href='https:\/\/www.dmsjuridica.com\/buscador_20179478954\/corteconstitucionalcronologico202454587\/category\/buscar-en-toda-la-corte\/1995\/tutelas-1995\/' title='Tutelas 1995' class='pt-cv-tax-tutelas-1995'>Tutelas 1995<\/a><\/div>\n<h4 class=\"pt-cv-title\"><a href=\"https:\/\/www.dmsjuridica.com\/buscador_20179478954\/corteconstitucionalcronologico202454587\/t-025-95\/\" class=\"_self\" target=\"_self\" >T 025 95<\/a><\/h4>\n<div class=\"pt-cv-content\">T-025-95 Sentencia No. T-025\/95 INEMBARGABILIDAD DE BIENES DEL ESTADO-Excepciones en materia laboral El principio de inembargabilidad de los bienes del Estado sufre una excepci\u00f3n de origen constitucional, cuando se trata de hacer efectivos los derechos de los trabajadores, relativos al pago de sus salarios y prestaciones sociales, pues de este modo se evita el desconocimiento de derechos fundamentales. La Superintendencia Bancaria carece de competencia para determinar la procedencia o improcedencia de una orden de embargo emanada de un juzgado, pues es propio de la actividad judicial, cuando se trata de procesos de ejecuci\u00f3n, determinar la suficiencia o idoneidad del t\u00edtulo ...<br \/><div class=\"pt-cv-rmwrap\"><a href=\"https:\/\/www.dmsjuridica.com\/buscador_20179478954\/corteconstitucionalcronologico202454587\/t-025-95\/\" class=\"_self pt-cv-readmore btn btn-success\" target=\"_self\">Ver Sentencia Completa...<\/a><\/div><\/div><\/div><\/div>\n<div class=\"col-md-12 col-sm-12 col-xs-12 pt-cv-content-item pt-cv-1-col\" ><div class='pt-cv-ifield'><a href=\"https:\/\/www.dmsjuridica.com\/buscador_20179478954\/corteconstitucionalcronologico202454587\/t-024-95\/\" class=\"_self pt-cv-href-thumbnail pt-cv-thumb-default\" target=\"_self\" ><\/a>\n<div class=\"pt-cv-taxoterm above_title\"><a href='https:\/\/www.dmsjuridica.com\/buscador_20179478954\/corteconstitucionalcronologico202454587\/category\/buscar-en-toda-la-corte\/1995\/tutelas-1995\/' title='Tutelas 1995' class='pt-cv-tax-tutelas-1995'>Tutelas 1995<\/a><\/div>\n<h4 class=\"pt-cv-title\"><a href=\"https:\/\/www.dmsjuridica.com\/buscador_20179478954\/corteconstitucionalcronologico202454587\/t-024-95\/\" class=\"_self\" target=\"_self\" >T 024 95<\/a><\/h4>\n<div class=\"pt-cv-content\">T-024-95 Sentencia No. T-024\/95 ACCION DE TUTELA CONTRA PARTICULARES\/ACCION DE TUTELA CONTRA INSTITUCION UNIVERSITARIA-Socio invidente Cuando la violaci\u00f3n de los derechos fundamentales de una persona ocurra por la actividad de un particular dentro de cualquiera de las situaciones mencionadas en el art\u00edculo 42 en referencia, procede la tutela como remedio subsidiario, pues el Constituyente y el Legislador han dado por entendido que el perjudicado es una persona f\u00e1cilmente vulnerable, en virtud de las condiciones de superioridad en las que se encuentra y obra el particular que le causa el da\u00f1o. En el presente caso la tutela es procedente desde el ...<br \/><div class=\"pt-cv-rmwrap\"><a href=\"https:\/\/www.dmsjuridica.com\/buscador_20179478954\/corteconstitucionalcronologico202454587\/t-024-95\/\" class=\"_self pt-cv-readmore btn btn-success\" target=\"_self\">Ver Sentencia Completa...<\/a><\/div><\/div><\/div><\/div>\n<div class=\"col-md-12 col-sm-12 col-xs-12 pt-cv-content-item pt-cv-1-col\" ><div class='pt-cv-ifield'><a href=\"https:\/\/www.dmsjuridica.com\/buscador_20179478954\/corteconstitucionalcronologico202454587\/t-023-95\/\" class=\"_self pt-cv-href-thumbnail pt-cv-thumb-default\" target=\"_self\" ><\/a>\n<div class=\"pt-cv-taxoterm above_title\"><a href='https:\/\/www.dmsjuridica.com\/buscador_20179478954\/corteconstitucionalcronologico202454587\/category\/buscar-en-toda-la-corte\/1995\/tutelas-1995\/' title='Tutelas 1995' class='pt-cv-tax-tutelas-1995'>Tutelas 1995<\/a><\/div>\n<h4 class=\"pt-cv-title\"><a href=\"https:\/\/www.dmsjuridica.com\/buscador_20179478954\/corteconstitucionalcronologico202454587\/t-023-95\/\" class=\"_self\" target=\"_self\" >T 023 95<\/a><\/h4>\n<div class=\"pt-cv-content\">T-023-95 Sentencia No. T-023\/95 ACCION DE TUTELA-Medidas provisionales\/SERVICIO PUBLICO DE ACUEDUCTO-Restablecimiento inmediato Por auto se dispuso, como medida provisional, el restablecimiento inmediato del servicio de acueducto. Esta decisi\u00f3n obedeci\u00f3 al prop\u00f3sito de \"evitar perjuicios ciertos e inminentes al inter\u00e9s p\u00fablico\", de conformidad con lo previsto en el inciso segundo del art\u00edculo 7 del decreto 2591 de 1991. AGENCIA OFICIOSA EN TUTELA\/LEGITIMACION POR ACTIVA EN TUTELA Para actuar como agente oficioso se requiere que el titular del derecho no est\u00e9 en condiciones de promover su propia defensa. Condici\u00f3n que, como es l\u00f3gico, no basta afirmar sino que es menester demostrar. No ...<br \/><div class=\"pt-cv-rmwrap\"><a href=\"https:\/\/www.dmsjuridica.com\/buscador_20179478954\/corteconstitucionalcronologico202454587\/t-023-95\/\" class=\"_self pt-cv-readmore btn btn-success\" target=\"_self\">Ver Sentencia Completa...<\/a><\/div><\/div><\/div><\/div>\n<div class=\"col-md-12 col-sm-12 col-xs-12 pt-cv-content-item pt-cv-1-col\" ><div class='pt-cv-ifield'><a href=\"https:\/\/www.dmsjuridica.com\/buscador_20179478954\/corteconstitucionalcronologico202454587\/t-022-95\/\" class=\"_self pt-cv-href-thumbnail pt-cv-thumb-default\" target=\"_self\" ><\/a>\n<div class=\"pt-cv-taxoterm above_title\"><a href='https:\/\/www.dmsjuridica.com\/buscador_20179478954\/corteconstitucionalcronologico202454587\/category\/buscar-en-toda-la-corte\/1995\/tutelas-1995\/' title='Tutelas 1995' class='pt-cv-tax-tutelas-1995'>Tutelas 1995<\/a><\/div>\n<h4 class=\"pt-cv-title\"><a href=\"https:\/\/www.dmsjuridica.com\/buscador_20179478954\/corteconstitucionalcronologico202454587\/t-022-95\/\" class=\"_self\" target=\"_self\" >T 022 95<\/a><\/h4>\n<div class=\"pt-cv-content\">T-022-95 Sentencia No. T-022\/95 ACCION DE TUTELA-Subsidiariedad No cabe en principio la acci\u00f3n de tutela si hay a disposici\u00f3n del interesado otro medio de defensa judicial siempre que \u00e9ste resulte apto para la garant\u00eda cierta del derecho fundamental, es decir que no sea puramente te\u00f3rico, y que su objeto sea espec\u00edficamente la protecci\u00f3n del mismo, lo cual significa que los fines que se persiguir\u00edan con la tutela puedan alcanzarse por conducto del mecanismo judicial alternativo. Si el juez ante el cual se instaura la acci\u00f3n de tutela encuentra configuradas esas condiciones -que se desprenden especialmente de los art\u00edculos 1\u00ba, 5\u00ba, ...<br \/><div class=\"pt-cv-rmwrap\"><a href=\"https:\/\/www.dmsjuridica.com\/buscador_20179478954\/corteconstitucionalcronologico202454587\/t-022-95\/\" class=\"_self pt-cv-readmore btn btn-success\" target=\"_self\">Ver Sentencia Completa...<\/a><\/div><\/div><\/div><\/div>\n<div class=\"col-md-12 col-sm-12 col-xs-12 pt-cv-content-item pt-cv-1-col\" ><div class='pt-cv-ifield'><a href=\"https:\/\/www.dmsjuridica.com\/buscador_20179478954\/corteconstitucionalcronologico202454587\/t-021-95\/\" class=\"_self pt-cv-href-thumbnail pt-cv-thumb-default\" target=\"_self\" ><\/a>\n<div class=\"pt-cv-taxoterm above_title\"><a href='https:\/\/www.dmsjuridica.com\/buscador_20179478954\/corteconstitucionalcronologico202454587\/category\/buscar-en-toda-la-corte\/1995\/tutelas-1995\/' title='Tutelas 1995' class='pt-cv-tax-tutelas-1995'>Tutelas 1995<\/a><\/div>\n<h4 class=\"pt-cv-title\"><a href=\"https:\/\/www.dmsjuridica.com\/buscador_20179478954\/corteconstitucionalcronologico202454587\/t-021-95\/\" class=\"_self\" target=\"_self\" >T 021 95<\/a><\/h4>\n<div class=\"pt-cv-content\">T-021-95 Sentencia No. T-021\/95 DERECHO A LA VIVIENDA DIGNA-Conexidad El derecho a la vivienda digna en abstracto no har\u00eda parte de los derechos fundamentales, pero en algunas circunstancias lo ser\u00eda si est\u00e1 en conexidad con otros derechos fundamentales. La efectividad de la tutela respecto a la petici\u00f3n de una persona para que su vivienda sea digna depender\u00e1 de las condiciones jur\u00eddico-materiales del caso concreto. TEMBLORES DE TIERRA\/DISTRITO CAPITAL-Responsabilidad por deslizamientos de tierra\/PRINCIPIO DE SOLIDARIDAD En el campo constitucional hay que admitir la interacci\u00f3n entre la naturaleza y la sociedad. La naturaleza ser\u00eda jur\u00eddicamente nada sin el hombre social. Est\u00e1 llamado ...<br \/><div class=\"pt-cv-rmwrap\"><a href=\"https:\/\/www.dmsjuridica.com\/buscador_20179478954\/corteconstitucionalcronologico202454587\/t-021-95\/\" class=\"_self pt-cv-readmore btn btn-success\" target=\"_self\">Ver Sentencia Completa...<\/a><\/div><\/div><\/div><\/div>\n<div class=\"col-md-12 col-sm-12 col-xs-12 pt-cv-content-item pt-cv-1-col\" ><div class='pt-cv-ifield'><a href=\"https:\/\/www.dmsjuridica.com\/buscador_20179478954\/corteconstitucionalcronologico202454587\/t-020-95\/\" class=\"_self pt-cv-href-thumbnail pt-cv-thumb-default\" target=\"_self\" ><\/a>\n<div class=\"pt-cv-taxoterm above_title\"><a href='https:\/\/www.dmsjuridica.com\/buscador_20179478954\/corteconstitucionalcronologico202454587\/category\/buscar-en-toda-la-corte\/1995\/tutelas-1995\/' title='Tutelas 1995' class='pt-cv-tax-tutelas-1995'>Tutelas 1995<\/a><\/div>\n<h4 class=\"pt-cv-title\"><a href=\"https:\/\/www.dmsjuridica.com\/buscador_20179478954\/corteconstitucionalcronologico202454587\/t-020-95\/\" class=\"_self\" target=\"_self\" >T 020 95<\/a><\/h4>\n<div class=\"pt-cv-content\">T-020-95 Sentencia No. T-020\/95 MENOR ENFERMO-Curaci\u00f3n\/MENOR DE EDAD-Protecci\u00f3n Curaci\u00f3n no tiene un solo significado: superaci\u00f3n del mal, sino que tambi\u00e9n significa mejor\u00eda, progreso, tratamiento necesario. Esta forma de interpretar concuerda con la esencia de la Constituci\u00f3n que establece la protecci\u00f3n de los d\u00e9biles y especialmente de los ni\u00f1os. Protecci\u00f3n que debe ir ligada al an\u00e1lisis concreto de cada caso, para lo cual la valoraci\u00f3n m\u00e9dica es muy importante. Por supuesto que el informe burocr\u00e1tico que califique como NO CURABLE determinada enfermedad no se puede aislar de otros elementos de juicio que existan en el expediente, porque se repite, el t\u00e9rmino ...<br \/><div class=\"pt-cv-rmwrap\"><a href=\"https:\/\/www.dmsjuridica.com\/buscador_20179478954\/corteconstitucionalcronologico202454587\/t-020-95\/\" class=\"_self pt-cv-readmore btn btn-success\" target=\"_self\">Ver Sentencia Completa...<\/a><\/div><\/div><\/div><\/div>\n<div class=\"col-md-12 col-sm-12 col-xs-12 pt-cv-content-item pt-cv-1-col\" ><div class='pt-cv-ifield'><a href=\"https:\/\/www.dmsjuridica.com\/buscador_20179478954\/corteconstitucionalcronologico202454587\/t-019-95\/\" class=\"_self pt-cv-href-thumbnail pt-cv-thumb-default\" target=\"_self\" ><\/a>\n<div class=\"pt-cv-taxoterm above_title\"><a href='https:\/\/www.dmsjuridica.com\/buscador_20179478954\/corteconstitucionalcronologico202454587\/category\/buscar-en-toda-la-corte\/1995\/tutelas-1995\/' title='Tutelas 1995' class='pt-cv-tax-tutelas-1995'>Tutelas 1995<\/a><\/div>\n<h4 class=\"pt-cv-title\"><a href=\"https:\/\/www.dmsjuridica.com\/buscador_20179478954\/corteconstitucionalcronologico202454587\/t-019-95\/\" class=\"_self\" target=\"_self\" >T 019 95<\/a><\/h4>\n<div class=\"pt-cv-content\">T-019-95 T- 45.220 Sentencia No. T-019\/95 DERECHO DE COPROPIEDAD El derecho de copropiedad no exhibe el car\u00e1cter de un derecho fundamental. No existe conexidad entre las facultades que surgen de la condici\u00f3n de propietario y otros derechos fundamentales del peticionario como podr\u00edan ser sus derechos a la vida, a la salud o a la igualdad. Por otra parte, la vulneraci\u00f3n de su derecho a la propiedad es simplemente hipot\u00e9tica, ya que las irregularidades en la forma de llevar la contabilidad, en el cobro de intereses de mora por la no cancelaci\u00f3n oportuna de la cuota de administraci\u00f3n y en la ...<br \/><div class=\"pt-cv-rmwrap\"><a href=\"https:\/\/www.dmsjuridica.com\/buscador_20179478954\/corteconstitucionalcronologico202454587\/t-019-95\/\" class=\"_self pt-cv-readmore btn btn-success\" target=\"_self\">Ver Sentencia Completa...<\/a><\/div><\/div><\/div><\/div>\n<div class=\"col-md-12 col-sm-12 col-xs-12 pt-cv-content-item pt-cv-1-col\" ><div class='pt-cv-ifield'><a href=\"https:\/\/www.dmsjuridica.com\/buscador_20179478954\/corteconstitucionalcronologico202454587\/t-018-95\/\" class=\"_self pt-cv-href-thumbnail pt-cv-thumb-default\" target=\"_self\" ><\/a>\n<div class=\"pt-cv-taxoterm above_title\"><a href='https:\/\/www.dmsjuridica.com\/buscador_20179478954\/corteconstitucionalcronologico202454587\/category\/buscar-en-toda-la-corte\/1995\/tutelas-1995\/' title='Tutelas 1995' class='pt-cv-tax-tutelas-1995'>Tutelas 1995<\/a><\/div>\n<h4 class=\"pt-cv-title\"><a href=\"https:\/\/www.dmsjuridica.com\/buscador_20179478954\/corteconstitucionalcronologico202454587\/t-018-95\/\" class=\"_self\" target=\"_self\" >T 018 95<\/a><\/h4>\n<div class=\"pt-cv-content\">T-018-95 Sentencia No. T-018\/95 CONTROVERSIA CONTRACTUAL\/CONTROVERSIA CONVENCIONAL El esclarecimiento y decisi\u00f3n de asuntos contractuales y convencionales de este tenor, en principio, no son del resorte de la jurisdicci\u00f3n constitucional a trav\u00e9s de la acci\u00f3n de tutela. CONVENCION COLECTIVA\/CARGO HEREDITARIO-Inexistencia La estipulaci\u00f3n de la convenci\u00f3n colectiva sobre la cual basa su pretensi\u00f3n el actor viola abiertamente la Constituci\u00f3n. As\u00ed se trate de una estipulaci\u00f3n que s\u00f3lo rige en el \u00e1mbito de sus trabajadores oficiales, no puede una entidad p\u00fablica pactar que a la muerte de un trabajador a su servicio, la vacante que deje ser\u00e1 llenada por uno de sus hijos ...<br \/><div class=\"pt-cv-rmwrap\"><a href=\"https:\/\/www.dmsjuridica.com\/buscador_20179478954\/corteconstitucionalcronologico202454587\/t-018-95\/\" class=\"_self pt-cv-readmore btn btn-success\" target=\"_self\">Ver Sentencia Completa...<\/a><\/div><\/div><\/div><\/div>\n<div class=\"col-md-12 col-sm-12 col-xs-12 pt-cv-content-item pt-cv-1-col\" ><div class='pt-cv-ifield'><a href=\"https:\/\/www.dmsjuridica.com\/buscador_20179478954\/corteconstitucionalcronologico202454587\/t-017-95\/\" class=\"_self pt-cv-href-thumbnail pt-cv-thumb-default\" target=\"_self\" ><\/a>\n<div class=\"pt-cv-taxoterm above_title\"><a href='https:\/\/www.dmsjuridica.com\/buscador_20179478954\/corteconstitucionalcronologico202454587\/category\/buscar-en-toda-la-corte\/1995\/tutelas-1995\/' title='Tutelas 1995' class='pt-cv-tax-tutelas-1995'>Tutelas 1995<\/a><\/div>\n<h4 class=\"pt-cv-title\"><a href=\"https:\/\/www.dmsjuridica.com\/buscador_20179478954\/corteconstitucionalcronologico202454587\/t-017-95\/\" class=\"_self\" target=\"_self\" >T 017 95<\/a><\/h4>\n<div class=\"pt-cv-content\">T-017-95 Sentencia No. T-017\/95 CONDUCTA LEGITIMA DE PARTICULAR Los particulares s\u00f3lo son responsables ante las autoridades -en este caso los jueces de tutela- por infringir la Constituci\u00f3n o las leyes. La conducta leg\u00edtima del particular es, entonces, la que tiene respaldo en el ordenamiento jur\u00eddico vigente al momento de actuar. Si el juez la encuentra configurada al analizar los hechos que se someten a su consideraci\u00f3n, sin que, por otra parte, se pueda establecer un ejercicio abusivo de sus derechos, no le est\u00e1 permitido conceder una tutela contra aqu\u00e9l, pues ello significar\u00eda deducirle responsabilidad por haberse ce\u00f1ido a los mandatos ...<br \/><div class=\"pt-cv-rmwrap\"><a href=\"https:\/\/www.dmsjuridica.com\/buscador_20179478954\/corteconstitucionalcronologico202454587\/t-017-95\/\" class=\"_self pt-cv-readmore btn btn-success\" target=\"_self\">Ver Sentencia Completa...<\/a><\/div><\/div><\/div><\/div>\n<div class=\"col-md-12 col-sm-12 col-xs-12 pt-cv-content-item pt-cv-1-col\" ><div class='pt-cv-ifield'><a href=\"https:\/\/www.dmsjuridica.com\/buscador_20179478954\/corteconstitucionalcronologico202454587\/t-016-95\/\" class=\"_self pt-cv-href-thumbnail pt-cv-thumb-default\" target=\"_self\" ><\/a>\n<div class=\"pt-cv-taxoterm above_title\"><a href='https:\/\/www.dmsjuridica.com\/buscador_20179478954\/corteconstitucionalcronologico202454587\/category\/buscar-en-toda-la-corte\/1995\/tutelas-1995\/' title='Tutelas 1995' class='pt-cv-tax-tutelas-1995'>Tutelas 1995<\/a><\/div>\n<h4 class=\"pt-cv-title\"><a href=\"https:\/\/www.dmsjuridica.com\/buscador_20179478954\/corteconstitucionalcronologico202454587\/t-016-95\/\" class=\"_self\" target=\"_self\" >T 016 95<\/a><\/h4>\n<div class=\"pt-cv-content\">T-016-95 Sentencia No. T-016\/95 IUS VARIANDI El ius variandi, es de decir, la facultad que tiene todo patrono de alterar las condiciones de trabajo en cuanto al modo, lugar, cantidad o tiempo del mismo, no implica la existencia de una potestad absoluta. Unicamente procede por motivos razonables y justos, a la vez que en su ejercicio \"habr\u00e1 de preservarse el honor, la dignidad, los intereses, los derechos m\u00ednimos y la seguridad del trabajador\". Se trata de un uso razonable de la discrecionalidad que la ley confiere al patrono, bien sea privado u oficial. IUS VARIANDI-L\u00edmites\/TRASLADO DE PERSONAL PENITENCIARIO Los l\u00edmites ...<br \/><div class=\"pt-cv-rmwrap\"><a href=\"https:\/\/www.dmsjuridica.com\/buscador_20179478954\/corteconstitucionalcronologico202454587\/t-016-95\/\" class=\"_self pt-cv-readmore btn btn-success\" target=\"_self\">Ver Sentencia Completa...<\/a><\/div><\/div><\/div><\/div>\n<div class=\"col-md-12 col-sm-12 col-xs-12 pt-cv-content-item pt-cv-1-col\" ><div class='pt-cv-ifield'><a href=\"https:\/\/www.dmsjuridica.com\/buscador_20179478954\/corteconstitucionalcronologico202454587\/t-015-95\/\" class=\"_self pt-cv-href-thumbnail pt-cv-thumb-default\" target=\"_self\" ><\/a>\n<div class=\"pt-cv-taxoterm above_title\"><a href='https:\/\/www.dmsjuridica.com\/buscador_20179478954\/corteconstitucionalcronologico202454587\/category\/buscar-en-toda-la-corte\/1995\/tutelas-1995\/' title='Tutelas 1995' class='pt-cv-tax-tutelas-1995'>Tutelas 1995<\/a><\/div>\n<h4 class=\"pt-cv-title\"><a href=\"https:\/\/www.dmsjuridica.com\/buscador_20179478954\/corteconstitucionalcronologico202454587\/t-015-95\/\" class=\"_self\" target=\"_self\" >T 015 95<\/a><\/h4>\n<div class=\"pt-cv-content\">T-015-95 ACCION DE TUTELA PARA EVITAR PERJUICIO IRREMEDIABLE\/SALARIO-Pago a beneficiarios del secuestrado\/SECUESTRO POR LA GUERRILLA Pese a que la peticionaria dispone de otro medio de defensa judicial para la protecci\u00f3n de sus derechos y los de su hija, en \u00e9ste caso es procedente la acci\u00f3n de tutela instaurada, cuando se trata de evitar un perjuicio irremediable que amenaza en forma grave la vida y subsistencia tanto de la accionante como la de su hija, quienes con ocasi\u00f3n del secuestro del trabajador mencionado, hecho que se encuentra claramente demostrado en el proceso, se han visto privadas de los medios requeridos para ...<br \/><div class=\"pt-cv-rmwrap\"><a href=\"https:\/\/www.dmsjuridica.com\/buscador_20179478954\/corteconstitucionalcronologico202454587\/t-015-95\/\" class=\"_self pt-cv-readmore btn btn-success\" target=\"_self\">Ver Sentencia Completa...<\/a><\/div><\/div><\/div><\/div>\n<div class=\"col-md-12 col-sm-12 col-xs-12 pt-cv-content-item pt-cv-1-col\" ><div class='pt-cv-ifield'><a href=\"https:\/\/www.dmsjuridica.com\/buscador_20179478954\/corteconstitucionalcronologico202454587\/t-014-95\/\" class=\"_self pt-cv-href-thumbnail pt-cv-thumb-default\" target=\"_self\" ><\/a>\n<div class=\"pt-cv-taxoterm above_title\"><a href='https:\/\/www.dmsjuridica.com\/buscador_20179478954\/corteconstitucionalcronologico202454587\/category\/buscar-en-toda-la-corte\/1995\/tutelas-1995\/' title='Tutelas 1995' class='pt-cv-tax-tutelas-1995'>Tutelas 1995<\/a><\/div>\n<h4 class=\"pt-cv-title\"><a href=\"https:\/\/www.dmsjuridica.com\/buscador_20179478954\/corteconstitucionalcronologico202454587\/t-014-95\/\" class=\"_self\" target=\"_self\" >T 014 95<\/a><\/h4>\n<div class=\"pt-cv-content\">T-014-95 Sentencia No. T-014\/95 SALARIO-Pago por consignaci\u00f3n en banco\/ACCION DE TUTELA-Improcedencia Estando permitido el pago por cheque o por giro postal no habr\u00e1 motivo para considerar anormal el pago mediante consignaci\u00f3n en la cuenta bancaria del trabajador. Esto no contradice el C\u00f3digo Sustantivo del Trabajo, art\u00edculo 139, que ordena \"el salario se paga directamente al trabajador o la persona que \u00e9l autorice por escrito\" porque el banco es un simple intermediario y quien puede manejar el dinero es el titular de la cuenta. La libertad que protege la Constituci\u00f3n Pol\u00edtica no puede confundirse con la defensa de todos los deseos ...<br \/><div class=\"pt-cv-rmwrap\"><a href=\"https:\/\/www.dmsjuridica.com\/buscador_20179478954\/corteconstitucionalcronologico202454587\/t-014-95\/\" class=\"_self pt-cv-readmore btn btn-success\" target=\"_self\">Ver Sentencia Completa...<\/a><\/div><\/div><\/div><\/div>\n<div class=\"col-md-12 col-sm-12 col-xs-12 pt-cv-content-item pt-cv-1-col\" ><div class='pt-cv-ifield'><a href=\"https:\/\/www.dmsjuridica.com\/buscador_20179478954\/corteconstitucionalcronologico202454587\/t-013-95\/\" class=\"_self pt-cv-href-thumbnail pt-cv-thumb-default\" target=\"_self\" ><\/a>\n<div class=\"pt-cv-taxoterm above_title\"><a href='https:\/\/www.dmsjuridica.com\/buscador_20179478954\/corteconstitucionalcronologico202454587\/category\/buscar-en-toda-la-corte\/1995\/tutelas-1995\/' title='Tutelas 1995' class='pt-cv-tax-tutelas-1995'>Tutelas 1995<\/a><\/div>\n<h4 class=\"pt-cv-title\"><a href=\"https:\/\/www.dmsjuridica.com\/buscador_20179478954\/corteconstitucionalcronologico202454587\/t-013-95\/\" class=\"_self\" target=\"_self\" >T 013 95<\/a><\/h4>\n<div class=\"pt-cv-content\">T-013-95 Sentencia No. T-013\/95 El derecho a la salud, por estar en inmediata conexi\u00f3n con el derecho a la vida, del que es un derivado necesario, es, esencialmente, un derecho fundamental. El derecho a la salud es un derecho fundamental, derivado del derecho a la vida que tiene toda persona humana, desde el momento de la concepci\u00f3n hasta su muerte, derecho que implica conservar la plenitud de sus facultades f\u00edsicas, mentales y espirituales, y poner todos los medios ordinarios al alcance para la prevenci\u00f3n de las enfermedades, as\u00ed como para la recuperaci\u00f3n. ACCIDENTE DE TRABAJO\/NOTIFICACION-Omisi\u00f3n del procedimiento No se ha ...<br \/><div class=\"pt-cv-rmwrap\"><a href=\"https:\/\/www.dmsjuridica.com\/buscador_20179478954\/corteconstitucionalcronologico202454587\/t-013-95\/\" class=\"_self pt-cv-readmore btn btn-success\" target=\"_self\">Ver Sentencia Completa...<\/a><\/div><\/div><\/div><\/div>\n<div class=\"col-md-12 col-sm-12 col-xs-12 pt-cv-content-item pt-cv-1-col\" ><div class='pt-cv-ifield'><a href=\"https:\/\/www.dmsjuridica.com\/buscador_20179478954\/corteconstitucionalcronologico202454587\/t-012-95\/\" class=\"_self pt-cv-href-thumbnail pt-cv-thumb-default\" target=\"_self\" ><\/a>\n<div class=\"pt-cv-taxoterm above_title\"><a href='https:\/\/www.dmsjuridica.com\/buscador_20179478954\/corteconstitucionalcronologico202454587\/category\/buscar-en-toda-la-corte\/1995\/tutelas-1995\/' title='Tutelas 1995' class='pt-cv-tax-tutelas-1995'>Tutelas 1995<\/a><\/div>\n<h4 class=\"pt-cv-title\"><a href=\"https:\/\/www.dmsjuridica.com\/buscador_20179478954\/corteconstitucionalcronologico202454587\/t-012-95\/\" class=\"_self\" target=\"_self\" >T 012 95<\/a><\/h4>\n<div class=\"pt-cv-content\">T-012-95 Sentencia No. T-012\/95 ACCION DE TUTELA-Hecho consumado El juez de primera instancia, al encontrar que la Fuerza A\u00e9rea Colombiana viol\u00f3 algunos derechos constitucionales fundamentales de la parte actora, dispuso que \u00e9stos fueran restablecidos. Dicha decisi\u00f3n fue acatada en su totalidad por la Fuerza A\u00e9rea Colombiana, ordenando, entre otros, el reintegro de la Mayor en el cargo de jefe de la secci\u00f3n de medicina laboral de la mencionada instituci\u00f3n, como tambi\u00e9n orden\u00f3 \"Dar por terminado el Informativo Disciplinario adelantado en su contra. DEBIDO PROCESO-Vulneraci\u00f3n\/SANCION A OFICIAL DE LA FAC POR MATRIMONIO CIVIL En toda actuaci\u00f3n tanto los funcionarios judiciales como ...<br \/><div class=\"pt-cv-rmwrap\"><a href=\"https:\/\/www.dmsjuridica.com\/buscador_20179478954\/corteconstitucionalcronologico202454587\/t-012-95\/\" class=\"_self pt-cv-readmore btn btn-success\" target=\"_self\">Ver Sentencia Completa...<\/a><\/div><\/div><\/div><\/div>\n<div class=\"col-md-12 col-sm-12 col-xs-12 pt-cv-content-item pt-cv-1-col\" ><div class='pt-cv-ifield'><a href=\"https:\/\/www.dmsjuridica.com\/buscador_20179478954\/corteconstitucionalcronologico202454587\/t-011-95\/\" class=\"_self pt-cv-href-thumbnail pt-cv-thumb-default\" target=\"_self\" ><\/a>\n<div class=\"pt-cv-taxoterm above_title\"><a href='https:\/\/www.dmsjuridica.com\/buscador_20179478954\/corteconstitucionalcronologico202454587\/category\/buscar-en-toda-la-corte\/1995\/tutelas-1995\/' title='Tutelas 1995' class='pt-cv-tax-tutelas-1995'>Tutelas 1995<\/a><\/div>\n<h4 class=\"pt-cv-title\"><a href=\"https:\/\/www.dmsjuridica.com\/buscador_20179478954\/corteconstitucionalcronologico202454587\/t-011-95\/\" class=\"_self\" target=\"_self\" >T 011 95<\/a><\/h4>\n<div class=\"pt-cv-content\">T-011-95 Sentencia No. T-011\/95 MESADA PENSIONAL-Pago oportuno\/ACCION DE TUTELA-Improcedencia\/MEDIO DE DEFENSA JUDICIAL Es improcedente la acci\u00f3n de tutela cuando se trata de obtener por este medio, el pago de mesadas atrasadas a cargo de una entidad de previsi\u00f3n social, ya que el afectado cuenta con otra v\u00eda de defensa judicial. REFERENCIA: Expediente Nro.T-45.220 ACTOR: MANUEL CUELLO URUETA contra DEPARTAMENTO DEL MAGDALENA Y LA CAJA DE PREVISION SOCIAL DEL MAGDALENA. PROCEDENCIA: CORTE SUPREMA DE JUSTICIA, SALA PLENA LABORAL. MAGISTRADO PONENTE: DR. JORGE ARANGO MEJIA. Aprobada en sesi\u00f3n de la Sala Primera de Revisi\u00f3n, celebrada en la ciudad de Santaf\u00e9 de Bogot\u00e1, ...<br \/><div class=\"pt-cv-rmwrap\"><a href=\"https:\/\/www.dmsjuridica.com\/buscador_20179478954\/corteconstitucionalcronologico202454587\/t-011-95\/\" class=\"_self pt-cv-readmore btn btn-success\" target=\"_self\">Ver Sentencia Completa...<\/a><\/div><\/div><\/div><\/div>\n<div class=\"col-md-12 col-sm-12 col-xs-12 pt-cv-content-item pt-cv-1-col\" ><div class='pt-cv-ifield'><a href=\"https:\/\/www.dmsjuridica.com\/buscador_20179478954\/corteconstitucionalcronologico202454587\/t-007-95\/\" class=\"_self pt-cv-href-thumbnail pt-cv-thumb-default\" target=\"_self\" ><\/a>\n<div class=\"pt-cv-taxoterm above_title\"><a href='https:\/\/www.dmsjuridica.com\/buscador_20179478954\/corteconstitucionalcronologico202454587\/category\/buscar-en-toda-la-corte\/1995\/tutelas-1995\/' title='Tutelas 1995' class='pt-cv-tax-tutelas-1995'>Tutelas 1995<\/a><\/div>\n<h4 class=\"pt-cv-title\"><a href=\"https:\/\/www.dmsjuridica.com\/buscador_20179478954\/corteconstitucionalcronologico202454587\/t-007-95\/\" class=\"_self\" target=\"_self\" >T 007 95<\/a><\/h4>\n<div class=\"pt-cv-content\">T-007-95 Sentencia No. T-007\/95 No existe en el caso concreto un medio alternativo de defensa judicial, porque ni la acci\u00f3n de ejecuci\u00f3n ni la acci\u00f3n contractual para obtener la declaratoria de incumplimiento del contrato y la consecuencial responsabilidad, que ser\u00edan formalmente las indicadas para lograr la satisfacci\u00f3n de los derechos derivados del mismo, se juzgan id\u00f3neas para amparar los derechos fundamentales, pues tales acciones tienen un contenido eminentemente patrimonial y en todo caso no fueron instituidas para la protecci\u00f3n de tales derechos. En el supuesto de que se pudiera acudir a una acci\u00f3n para lograr la ejecuci\u00f3n del Convenio aludido, ...<br \/><div class=\"pt-cv-rmwrap\"><a href=\"https:\/\/www.dmsjuridica.com\/buscador_20179478954\/corteconstitucionalcronologico202454587\/t-007-95\/\" class=\"_self pt-cv-readmore btn btn-success\" target=\"_self\">Ver Sentencia Completa...<\/a><\/div><\/div><\/div><\/div>\n<div class=\"col-md-12 col-sm-12 col-xs-12 pt-cv-content-item pt-cv-1-col\" ><div class='pt-cv-ifield'><a href=\"https:\/\/www.dmsjuridica.com\/buscador_20179478954\/corteconstitucionalcronologico202454587\/t-006-95\/\" class=\"_self pt-cv-href-thumbnail pt-cv-thumb-default\" target=\"_self\" ><\/a>\n<div class=\"pt-cv-taxoterm above_title\"><a href='https:\/\/www.dmsjuridica.com\/buscador_20179478954\/corteconstitucionalcronologico202454587\/category\/buscar-en-toda-la-corte\/1995\/tutelas-1995\/' title='Tutelas 1995' class='pt-cv-tax-tutelas-1995'>Tutelas 1995<\/a><\/div>\n<h4 class=\"pt-cv-title\"><a href=\"https:\/\/www.dmsjuridica.com\/buscador_20179478954\/corteconstitucionalcronologico202454587\/t-006-95\/\" class=\"_self\" target=\"_self\" >T 006 95<\/a><\/h4>\n<div class=\"pt-cv-content\">T-006-95 DEBIDO PROCESO-Unicidad La unicidad del debido proceso, que no justifica distinguir entre un debido proceso legal y otro constitucional, lleva a esta Corte a examinar si en efecto se presentaron las irregularidades denunciadas por el actor y si la acci\u00f3n de tutela, de otro lado, es procedente. JURAMENTO\/SANCION DISCIPLINARIA\/QUEJA CONTRA EMPLEADO El juramento es una ritualidad que busca dotar de credibilidad a la versi\u00f3n de un testigo que, por diversos factores objetivos y subjetivos, podr\u00eda desviar al juzgador de la comprobaci\u00f3n cient\u00edfica de los hechos investigados. En lo atinente al r\u00e9gimen disciplinario, establecen que para aplicar una sanci\u00f3n disciplinaria ...<br \/><div class=\"pt-cv-rmwrap\"><a href=\"https:\/\/www.dmsjuridica.com\/buscador_20179478954\/corteconstitucionalcronologico202454587\/t-006-95\/\" class=\"_self pt-cv-readmore btn btn-success\" target=\"_self\">Ver Sentencia Completa...<\/a><\/div><\/div><\/div><\/div>\n<div class=\"col-md-12 col-sm-12 col-xs-12 pt-cv-content-item pt-cv-1-col\" ><div class='pt-cv-ifield'><a href=\"https:\/\/www.dmsjuridica.com\/buscador_20179478954\/corteconstitucionalcronologico202454587\/t-005-95\/\" class=\"_self pt-cv-href-thumbnail pt-cv-thumb-default\" target=\"_self\" ><\/a>\n<div class=\"pt-cv-taxoterm above_title\"><a href='https:\/\/www.dmsjuridica.com\/buscador_20179478954\/corteconstitucionalcronologico202454587\/category\/buscar-en-toda-la-corte\/1995\/tutelas-1995\/' title='Tutelas 1995' class='pt-cv-tax-tutelas-1995'>Tutelas 1995<\/a><\/div>\n<h4 class=\"pt-cv-title\"><a href=\"https:\/\/www.dmsjuridica.com\/buscador_20179478954\/corteconstitucionalcronologico202454587\/t-005-95\/\" class=\"_self\" target=\"_self\" >T 005 95<\/a><\/h4>\n<div class=\"pt-cv-content\">T-005-95 Sentencia No. T-005\/95 DERECHO A LA SALUD\/DERECHO FUNDAMENTAL-Conexidad\/SERVICIO MEDICO\/DERECHO A LA SUBSISTENCIA\/DERECHOS DE PERSONA DE LA TERCERA EDAD-Suspensi\u00f3n de asistencia m\u00e9dica\/SOCIEDAD ALMENDRA TROPICAL\/DERECHO AL MINIMO VITAL El derecho a la salud no es en principio un derecho fundamental de aplicaci\u00f3n inmediata. Sin embargo, la Corte ha estimado que este puede ser protegido por medio de la acci\u00f3n de tutela en casos especiales en los cuales se presente conexidad palmaria con un derecho fundamental. no existe duda sobre la importancia vital de la prestaci\u00f3n del servicio. La peticionaria tiene 84 a\u00f1os de edad y padece de una enfermedad grave. Los ...<br \/><div class=\"pt-cv-rmwrap\"><a href=\"https:\/\/www.dmsjuridica.com\/buscador_20179478954\/corteconstitucionalcronologico202454587\/t-005-95\/\" class=\"_self pt-cv-readmore btn btn-success\" target=\"_self\">Ver Sentencia Completa...<\/a><\/div><\/div><\/div><\/div>\n<div class=\"col-md-12 col-sm-12 col-xs-12 pt-cv-content-item pt-cv-1-col\" ><div class='pt-cv-ifield'><a href=\"https:\/\/www.dmsjuridica.com\/buscador_20179478954\/corteconstitucionalcronologico202454587\/t-004-95\/\" class=\"_self pt-cv-href-thumbnail pt-cv-thumb-default\" target=\"_self\" ><\/a>\n<div class=\"pt-cv-taxoterm above_title\"><a href='https:\/\/www.dmsjuridica.com\/buscador_20179478954\/corteconstitucionalcronologico202454587\/category\/buscar-en-toda-la-corte\/1995\/tutelas-1995\/' title='Tutelas 1995' class='pt-cv-tax-tutelas-1995'>Tutelas 1995<\/a><\/div>\n<h4 class=\"pt-cv-title\"><a href=\"https:\/\/www.dmsjuridica.com\/buscador_20179478954\/corteconstitucionalcronologico202454587\/t-004-95\/\" class=\"_self\" target=\"_self\" >T 004 95<\/a><\/h4>\n<div class=\"pt-cv-content\">T-004-95 Sentencia No. T-004\/95 DERECHO AL AMBIENTE SANO-Ca\u00f1o de aguas negras\/NEGLIGENCIA ADMINISTRATIVA\/DERECHO A LA VIDA En el presente caso, acreditada como ha sido la contaminaci\u00f3n ambiental que afecta de manera directa la zona en que residen el accionante y su familia, que resulta atribu\u00edble a la negligencia de la administraci\u00f3n municipal, e igualmente probado que, por la presencia del ca\u00f1o destapado y dada la concentraci\u00f3n de desperdicios, desechos, basura, aguas servidas, insectos y malos olores, se encuentran amenazados los derechos a la vida y a la integridad personal de los vecinos del sector, entre ellos el peticionario, se debe conceder ...<br \/><div class=\"pt-cv-rmwrap\"><a href=\"https:\/\/www.dmsjuridica.com\/buscador_20179478954\/corteconstitucionalcronologico202454587\/t-004-95\/\" class=\"_self pt-cv-readmore btn btn-success\" target=\"_self\">Ver Sentencia Completa...<\/a><\/div><\/div><\/div><\/div>\n<div class=\"col-md-12 col-sm-12 col-xs-12 pt-cv-content-item pt-cv-1-col\" ><div class='pt-cv-ifield'><a href=\"https:\/\/www.dmsjuridica.com\/buscador_20179478954\/corteconstitucionalcronologico202454587\/t-003-95\/\" class=\"_self pt-cv-href-thumbnail pt-cv-thumb-default\" target=\"_self\" ><\/a>\n<div class=\"pt-cv-taxoterm above_title\"><a href='https:\/\/www.dmsjuridica.com\/buscador_20179478954\/corteconstitucionalcronologico202454587\/category\/buscar-en-toda-la-corte\/1995\/tutelas-1995\/' title='Tutelas 1995' class='pt-cv-tax-tutelas-1995'>Tutelas 1995<\/a><\/div>\n<h4 class=\"pt-cv-title\"><a href=\"https:\/\/www.dmsjuridica.com\/buscador_20179478954\/corteconstitucionalcronologico202454587\/t-003-95\/\" class=\"_self\" target=\"_self\" >T 003 95<\/a><\/h4>\n<div class=\"pt-cv-content\">T-003-95 Sentencia No. T-003\/95 ACCION DE TUTELA CONTRA PARTICULARES\/INTERES GENERAL-Vulneraci\u00f3n\/ACCION DE TUTELA\/ACCION DE TUTELA CONTRA EL RUIDO La acci\u00f3n de tutela contra el particular que afecta grave y directamente el inter\u00e9s colectivo es consagrada sobre el supuesto de que la persona -natural o jur\u00eddica- a la cual se sindica de vulnerar los derechos fundamentales haya desbordado los l\u00edmites del comportamiento normal de los particulares, llevando a cabo actos positivos o asumiendo actitudes negativas que repercuten de manera protuberante, grave y directa en el \u00e1mbito p\u00fablico, con menoscabo, lesi\u00f3n o amenaza de los intereses comunes. Es claro para la Corte que ...<br \/><div class=\"pt-cv-rmwrap\"><a href=\"https:\/\/www.dmsjuridica.com\/buscador_20179478954\/corteconstitucionalcronologico202454587\/t-003-95\/\" class=\"_self pt-cv-readmore btn btn-success\" target=\"_self\">Ver Sentencia Completa...<\/a><\/div><\/div><\/div><\/div>\n<div class=\"col-md-12 col-sm-12 col-xs-12 pt-cv-content-item pt-cv-1-col\" ><div class='pt-cv-ifield'><a href=\"https:\/\/www.dmsjuridica.com\/buscador_20179478954\/corteconstitucionalcronologico202454587\/t-002-95\/\" class=\"_self pt-cv-href-thumbnail pt-cv-thumb-default\" target=\"_self\" ><\/a>\n<div class=\"pt-cv-taxoterm above_title\"><a href='https:\/\/www.dmsjuridica.com\/buscador_20179478954\/corteconstitucionalcronologico202454587\/category\/buscar-en-toda-la-corte\/1995\/tutelas-1995\/' title='Tutelas 1995' class='pt-cv-tax-tutelas-1995'>Tutelas 1995<\/a><\/div>\n<h4 class=\"pt-cv-title\"><a href=\"https:\/\/www.dmsjuridica.com\/buscador_20179478954\/corteconstitucionalcronologico202454587\/t-002-95\/\" class=\"_self\" target=\"_self\" >T 002 95<\/a><\/h4>\n<div class=\"pt-cv-content\">T-002-95 Sentencia No. T-002\/95 DERECHO A LA SALUD\/DERECHO A LA SEGURIDAD SOCIAL\/ACCION DE TUTELA-Improcedencia En lo atinente a la salud, no toda dolencia implica da\u00f1o o amenaza para la vida y, aunque puede y debe ser controlada, no necesariamente es la acci\u00f3n de tutela el procedimiento que debe seguirse para obtener que una entidad de seguridad social asuma las correspondientes obligaciones. La sola circunstancia de no hallarse cobijada una persona por la seguridad social no representa por s\u00ed misma un caso de violaci\u00f3n de derechos fundamentales y, por tanto, tampoco es susceptible de ser contrarrestada mediante la acci\u00f3n de tutela ...<br \/><div class=\"pt-cv-rmwrap\"><a href=\"https:\/\/www.dmsjuridica.com\/buscador_20179478954\/corteconstitucionalcronologico202454587\/t-002-95\/\" class=\"_self pt-cv-readmore btn btn-success\" target=\"_self\">Ver Sentencia Completa...<\/a><\/div><\/div><\/div><\/div>\n<div class=\"col-md-12 col-sm-12 col-xs-12 pt-cv-content-item pt-cv-1-col\" ><div class='pt-cv-ifield'><a href=\"https:\/\/www.dmsjuridica.com\/buscador_20179478954\/corteconstitucionalcronologico202454587\/t-001-95\/\" class=\"_self pt-cv-href-thumbnail pt-cv-thumb-default\" target=\"_self\" ><\/a>\n<div class=\"pt-cv-taxoterm above_title\"><a href='https:\/\/www.dmsjuridica.com\/buscador_20179478954\/corteconstitucionalcronologico202454587\/category\/buscar-en-toda-la-corte\/1995\/tutelas-1995\/' title='Tutelas 1995' class='pt-cv-tax-tutelas-1995'>Tutelas 1995<\/a><\/div>\n<h4 class=\"pt-cv-title\"><a href=\"https:\/\/www.dmsjuridica.com\/buscador_20179478954\/corteconstitucionalcronologico202454587\/t-001-95\/\" class=\"_self\" target=\"_self\" >T 001 95<\/a><\/h4>\n<div class=\"pt-cv-content\">T-001-95 Sentencia No. T-001\/95 DERECHO A LA SEGURIDAD SOCIAL DEL NI\u00d1O En la Constituci\u00f3n ha sido se\u00f1alado de manera expresa el caso de los ni\u00f1os, cuyo derecho a la seguridad social es fundamental y susceptible, por tanto, de ser reclamado, mediante el ejercicio de la acci\u00f3n de tutela, de manera inmediata aunque no incondicional. El trato especial otorgado por el Ordenamiento a los menores tiene el alcance de una preeminencia o primac\u00eda, que debe su raz\u00f3n de ser a las condiciones de debilidad e indefensi\u00f3n que los caracteriza, dada la crucial etapa de formaci\u00f3n f\u00edsica y mental por la que ...<br \/><div class=\"pt-cv-rmwrap\"><a href=\"https:\/\/www.dmsjuridica.com\/buscador_20179478954\/corteconstitucionalcronologico202454587\/t-001-95\/\" class=\"_self pt-cv-readmore btn btn-success\" target=\"_self\">Ver Sentencia Completa...<\/a><\/div><\/div><\/div><\/div><\/div><\/div><\/div>\n","protected":false},"excerpt":{"rendered":"","protected":false},"author":1,"featured_media":0,"parent":0,"menu_order":0,"comment_status":"closed","ping_status":"closed","template":"","meta":{"footnotes":""},"class_list":["post-29572","page","type-page","status-publish","hentry"],"_links":{"self":[{"href":"https:\/\/www.dmsjuridica.com\/buscador_20179478954\/corteconstitucionalcronologico202454587\/wp-json\/wp\/v2\/pages\/29572","targetHints":{"allow":["GET"]}}],"collection":[{"href":"https:\/\/www.dmsjuridica.com\/buscador_20179478954\/corteconstitucionalcronologico202454587\/wp-json\/wp\/v2\/pages"}],"about":[{"href":"https:\/\/www.dmsjuridica.com\/buscador_20179478954\/corteconstitucionalcronologico202454587\/wp-json\/wp\/v2\/types\/page"}],"author":[{"embeddable":true,"href":"https:\/\/www.dmsjuridica.com\/buscador_20179478954\/corteconstitucionalcronologico202454587\/wp-json\/wp\/v2\/users\/1"}],"replies":[{"embeddable":true,"href":"https:\/\/www.dmsjuridica.com\/buscador_20179478954\/corteconstitucionalcronologico202454587\/wp-json\/wp\/v2\/comments?post=29572"}],"version-history":[{"count":1,"href":"https:\/\/www.dmsjuridica.com\/buscador_20179478954\/corteconstitucionalcronologico202454587\/wp-json\/wp\/v2\/pages\/29572\/revisions"}],"predecessor-version":[{"id":29573,"href":"https:\/\/www.dmsjuridica.com\/buscador_20179478954\/corteconstitucionalcronologico202454587\/wp-json\/wp\/v2\/pages\/29572\/revisions\/29573"}],"wp:attachment":[{"href":"https:\/\/www.dmsjuridica.com\/buscador_20179478954\/corteconstitucionalcronologico202454587\/wp-json\/wp\/v2\/media?parent=29572"}],"curies":[{"name":"wp","href":"https:\/\/api.w.org\/{rel}","templated":true}]}}