{"id":29576,"date":"2024-07-11T17:52:06","date_gmt":"2024-07-11T22:52:06","guid":{"rendered":"https:\/\/www.dmsjuridica.com\/buscador_20179478954\/corteconstitucionalcronologico202454587\/?page_id=29576"},"modified":"2024-07-11T17:52:06","modified_gmt":"2024-07-11T22:52:06","slug":"tutelas-1997","status":"publish","type":"page","link":"https:\/\/www.dmsjuridica.com\/buscador_20179478954\/corteconstitucionalcronologico202454587\/tutelas-1997\/","title":{"rendered":"Tutelas 1997"},"content":{"rendered":"<div class=\"pt-cv-wrapper\"><div class=\"pt-cv-view pt-cv-grid pt-cv-colsys\" id=\"pt-cv-view-1491bdc27o\"><div data-id=\"pt-cv-page-1\" class=\"pt-cv-page\" data-cvc=\"1\"><div class=\"col-md-12 col-sm-12 col-xs-12 pt-cv-content-item pt-cv-1-col\" ><div class='pt-cv-ifield'><a href=\"https:\/\/www.dmsjuridica.com\/buscador_20179478954\/corteconstitucionalcronologico202454587\/t-680-97\/\" class=\"_self pt-cv-href-thumbnail pt-cv-thumb-default\" target=\"_self\" ><\/a>\n<div class=\"pt-cv-taxoterm above_title\"><a href='https:\/\/www.dmsjuridica.com\/buscador_20179478954\/corteconstitucionalcronologico202454587\/category\/buscar-en-toda-la-corte\/1997\/tutelas-1997\/' title='Tutelas 1997' class='pt-cv-tax-tutelas-1997'>Tutelas 1997<\/a><\/div>\n<h4 class=\"pt-cv-title\"><a href=\"https:\/\/www.dmsjuridica.com\/buscador_20179478954\/corteconstitucionalcronologico202454587\/t-680-97\/\" class=\"_self\" target=\"_self\" >T 680 97<\/a><\/h4>\n<div class=\"pt-cv-content\">T-680-97 Expediente T-135188 Sentencia T-680\/97 ACCION DE TUTELA CONTRA PROVIDENCIAS JUDICIALES-Car\u00e1cter excepcional A partir de la Sentencia C-543 del 1 de octubre de 1992, la acci\u00f3n de tutela no procede en principio contra providencias judiciales, a no ser que bajo tal apariencia se oculte en realidad una evidente y probada v\u00eda de hecho, es decir un comportamiento ostensiblemente arbitrario, ajeno al orden jur\u00eddico en vigor, que implique violaci\u00f3n del debido proceso y que, en vez de realizar la voluntad del legislador en la soluci\u00f3n del asunto objeto de resoluci\u00f3n judicial, satisfaga el deseo o el inter\u00e9s del fallador, o el ...<br \/><div class=\"pt-cv-rmwrap\"><a href=\"https:\/\/www.dmsjuridica.com\/buscador_20179478954\/corteconstitucionalcronologico202454587\/t-680-97\/\" class=\"_self pt-cv-readmore btn btn-success\" target=\"_self\">Ver Sentencia Completa...<\/a><\/div><\/div><\/div><\/div>\n<div class=\"col-md-12 col-sm-12 col-xs-12 pt-cv-content-item pt-cv-1-col\" ><div class='pt-cv-ifield'><a href=\"https:\/\/www.dmsjuridica.com\/buscador_20179478954\/corteconstitucionalcronologico202454587\/t-679-97\/\" class=\"_self pt-cv-href-thumbnail pt-cv-thumb-default\" target=\"_self\" ><\/a>\n<div class=\"pt-cv-taxoterm above_title\"><a href='https:\/\/www.dmsjuridica.com\/buscador_20179478954\/corteconstitucionalcronologico202454587\/category\/buscar-en-toda-la-corte\/1997\/tutelas-1997\/' title='Tutelas 1997' class='pt-cv-tax-tutelas-1997'>Tutelas 1997<\/a><\/div>\n<h4 class=\"pt-cv-title\"><a href=\"https:\/\/www.dmsjuridica.com\/buscador_20179478954\/corteconstitucionalcronologico202454587\/t-679-97\/\" class=\"_self\" target=\"_self\" >T 679 97<\/a><\/h4>\n<div class=\"pt-cv-content\">T-679-97 Sentencia T-679\/97 ACCION DE TUTELA-Carencia actual de objeto Referencia: Expediente T-116459 Acci\u00f3n de tutela instaurada por Edilberto Vaca Melo contra la Direcci\u00f3n Seccional de Administraci\u00f3n Judicial de Santa Fe de Bogot\u00e1-Cundinamarca. Magistrado Ponente: Dr. Jos\u00e9 Gregorio Hern\u00e1ndez Galindo Sentencia aprobada en Santa Fe de Bogot\u00e1, D.C., a los quince (15) d\u00edas del mes de diciembre de mil novecientos noventa y siete (1997). Se revisa la providencia de fecha siete (7) de noviembre de mil novecientos noventa y seis (1996), proferida por el Juzgado Doce Laboral del Circuito de Santa Fe de Bogot\u00e1, al resolver sobre la acci\u00f3n de tutela ...<br \/><div class=\"pt-cv-rmwrap\"><a href=\"https:\/\/www.dmsjuridica.com\/buscador_20179478954\/corteconstitucionalcronologico202454587\/t-679-97\/\" class=\"_self pt-cv-readmore btn btn-success\" target=\"_self\">Ver Sentencia Completa...<\/a><\/div><\/div><\/div><\/div>\n<div class=\"col-md-12 col-sm-12 col-xs-12 pt-cv-content-item pt-cv-1-col\" ><div class='pt-cv-ifield'><a href=\"https:\/\/www.dmsjuridica.com\/buscador_20179478954\/corteconstitucionalcronologico202454587\/t-678-97\/\" class=\"_self pt-cv-href-thumbnail pt-cv-thumb-default\" target=\"_self\" ><\/a>\n<div class=\"pt-cv-taxoterm above_title\"><a href='https:\/\/www.dmsjuridica.com\/buscador_20179478954\/corteconstitucionalcronologico202454587\/category\/buscar-en-toda-la-corte\/1997\/tutelas-1997\/' title='Tutelas 1997' class='pt-cv-tax-tutelas-1997'>Tutelas 1997<\/a><\/div>\n<h4 class=\"pt-cv-title\"><a href=\"https:\/\/www.dmsjuridica.com\/buscador_20179478954\/corteconstitucionalcronologico202454587\/t-678-97\/\" class=\"_self\" target=\"_self\" >T 678 97<\/a><\/h4>\n<div class=\"pt-cv-content\">T-678-97 Sentencia T-678\/97 INDEFENSION-Agrietamiento de viviendas por paso de veh\u00edculos pesados ACCION DE CLASE O DE GRUPO-Objeto Las denominadas acciones de clase o grupo, que aunque parezcan similares a las populares, se diferencian de estas en que ellas persiguen la reparaci\u00f3n de los da\u00f1os y perjuicios ocasionados a un n\u00famero plural de personas. Es decir, se originan cuando ya el da\u00f1o o se ha consumado y se est\u00e1 produciendo, generando graves perjuicios en la colectividad, sin perjuicio de las correspondientes acciones particulares a que pueda haber lugar. ACCION DE CLASE O DE GRUPO-Reparaci\u00f3n da\u00f1os a inmuebles por paso de veh\u00edculos ...<br \/><div class=\"pt-cv-rmwrap\"><a href=\"https:\/\/www.dmsjuridica.com\/buscador_20179478954\/corteconstitucionalcronologico202454587\/t-678-97\/\" class=\"_self pt-cv-readmore btn btn-success\" target=\"_self\">Ver Sentencia Completa...<\/a><\/div><\/div><\/div><\/div>\n<div class=\"col-md-12 col-sm-12 col-xs-12 pt-cv-content-item pt-cv-1-col\" ><div class='pt-cv-ifield'><a href=\"https:\/\/www.dmsjuridica.com\/buscador_20179478954\/corteconstitucionalcronologico202454587\/t-677-97\/\" class=\"_self pt-cv-href-thumbnail pt-cv-thumb-default\" target=\"_self\" ><\/a>\n<div class=\"pt-cv-taxoterm above_title\"><a href='https:\/\/www.dmsjuridica.com\/buscador_20179478954\/corteconstitucionalcronologico202454587\/category\/buscar-en-toda-la-corte\/1997\/tutelas-1997\/' title='Tutelas 1997' class='pt-cv-tax-tutelas-1997'>Tutelas 1997<\/a><\/div>\n<h4 class=\"pt-cv-title\"><a href=\"https:\/\/www.dmsjuridica.com\/buscador_20179478954\/corteconstitucionalcronologico202454587\/t-677-97\/\" class=\"_self\" target=\"_self\" >T 677 97<\/a><\/h4>\n<div class=\"pt-cv-content\">T-677-97 Sentencia T-677\/97 ACCION DE TUTELA-Improcedencia contra actitudes, actos u omisiones eventuales e inciertos\/ACCION DE TUTELA-Amenaza cierta y contundente La acci\u00f3n de tutela no est\u00e1 llamada a prosperar cuando los hechos u omisiones que pueden implicar violaci\u00f3n de los derechos fundamentales no se han producido ni existe raz\u00f3n objetiva, fundada y claramente establecida en cuya virtud se pueda considerar -con miras a su protecci\u00f3n- que existe una amenaza cierta y contundente contra ellos. En otros t\u00e9rminos, la eventualidad del da\u00f1o que puedan sufrir los derechos fundamentales por conductas que las autoridades o personas contra las que se instaura la tutela ...<br \/><div class=\"pt-cv-rmwrap\"><a href=\"https:\/\/www.dmsjuridica.com\/buscador_20179478954\/corteconstitucionalcronologico202454587\/t-677-97\/\" class=\"_self pt-cv-readmore btn btn-success\" target=\"_self\">Ver Sentencia Completa...<\/a><\/div><\/div><\/div><\/div>\n<div class=\"col-md-12 col-sm-12 col-xs-12 pt-cv-content-item pt-cv-1-col\" ><div class='pt-cv-ifield'><a href=\"https:\/\/www.dmsjuridica.com\/buscador_20179478954\/corteconstitucionalcronologico202454587\/t-676-97\/\" class=\"_self pt-cv-href-thumbnail pt-cv-thumb-default\" target=\"_self\" ><\/a>\n<div class=\"pt-cv-taxoterm above_title\"><a href='https:\/\/www.dmsjuridica.com\/buscador_20179478954\/corteconstitucionalcronologico202454587\/category\/buscar-en-toda-la-corte\/1997\/tutelas-1997\/' title='Tutelas 1997' class='pt-cv-tax-tutelas-1997'>Tutelas 1997<\/a><\/div>\n<h4 class=\"pt-cv-title\"><a href=\"https:\/\/www.dmsjuridica.com\/buscador_20179478954\/corteconstitucionalcronologico202454587\/t-676-97\/\" class=\"_self\" target=\"_self\" >T 676 97<\/a><\/h4>\n<div class=\"pt-cv-content\">T-676-97 Sentencia T-676\/97 DERECHO DE PETICION-Resoluci\u00f3n no puede mantenerse en reserva Ha sostenido la jurisprudencia de esta Corporaci\u00f3n, que el derecho de petici\u00f3n est\u00e1 violado mientras al solicitante, por negligencia o inactividad de la administraci\u00f3n, no se le haya comunicado de manera expresa acerca del sentido en el cual se le resolvi\u00f3. Bien puede establecerse que en el interior del ente obligado a responder se hayan adelantado los tr\u00e1mites enderezados a satisfacer su petici\u00f3n, pero si todo se queda en el plano interno y nada sabe el peticionario sobre la respuesta, prosigue la vulneraci\u00f3n de su derecho fundamental. APROPIACION PRESUPUESTAL ...<br \/><div class=\"pt-cv-rmwrap\"><a href=\"https:\/\/www.dmsjuridica.com\/buscador_20179478954\/corteconstitucionalcronologico202454587\/t-676-97\/\" class=\"_self pt-cv-readmore btn btn-success\" target=\"_self\">Ver Sentencia Completa...<\/a><\/div><\/div><\/div><\/div>\n<div class=\"col-md-12 col-sm-12 col-xs-12 pt-cv-content-item pt-cv-1-col\" ><div class='pt-cv-ifield'><a href=\"https:\/\/www.dmsjuridica.com\/buscador_20179478954\/corteconstitucionalcronologico202454587\/t-675-97\/\" class=\"_self pt-cv-href-thumbnail pt-cv-thumb-default\" target=\"_self\" ><\/a>\n<div class=\"pt-cv-taxoterm above_title\"><a href='https:\/\/www.dmsjuridica.com\/buscador_20179478954\/corteconstitucionalcronologico202454587\/category\/buscar-en-toda-la-corte\/1997\/tutelas-1997\/' title='Tutelas 1997' class='pt-cv-tax-tutelas-1997'>Tutelas 1997<\/a><\/div>\n<h4 class=\"pt-cv-title\"><a href=\"https:\/\/www.dmsjuridica.com\/buscador_20179478954\/corteconstitucionalcronologico202454587\/t-675-97\/\" class=\"_self\" target=\"_self\" >T 675 97<\/a><\/h4>\n<div class=\"pt-cv-content\">T-675-97 Sentencia T-675\/97 ACCION DE TUTELA-Carencia actual de objeto Referencia: Expediente T-115422 Acci\u00f3n de Tutela instaurada por Cristina del Rocio Alarc\u00f3n Robayo contra la Caja General de la Policia Nacional Dr. JOS\u00c9 GREGORIO HERN\u00c1NDEZ GALINDO Sentencia aprobada en Santa Fe de Bogot\u00e1, D.C., a los once (11) d\u00edas del mes de diciembre de mil novecientos noventa y siete (1997) Se revisa el fallo proferido en el asunto de la referencia por el Juzgado 70 Penal Municipal de Santa Fe de Bogot\u00e1. I. INFORMACION PRELIMINAR Invoc\u00f3 la actora sus derechos a la vida, subsistencia y trabajo, todos los cuales estim\u00f3 vulnerados ...<br \/><div class=\"pt-cv-rmwrap\"><a href=\"https:\/\/www.dmsjuridica.com\/buscador_20179478954\/corteconstitucionalcronologico202454587\/t-675-97\/\" class=\"_self pt-cv-readmore btn btn-success\" target=\"_self\">Ver Sentencia Completa...<\/a><\/div><\/div><\/div><\/div>\n<div class=\"col-md-12 col-sm-12 col-xs-12 pt-cv-content-item pt-cv-1-col\" ><div class='pt-cv-ifield'><a href=\"https:\/\/www.dmsjuridica.com\/buscador_20179478954\/corteconstitucionalcronologico202454587\/t-674-97\/\" class=\"_self pt-cv-href-thumbnail pt-cv-thumb-default\" target=\"_self\" ><\/a>\n<div class=\"pt-cv-taxoterm above_title\"><a href='https:\/\/www.dmsjuridica.com\/buscador_20179478954\/corteconstitucionalcronologico202454587\/category\/buscar-en-toda-la-corte\/1997\/tutelas-1997\/' title='Tutelas 1997' class='pt-cv-tax-tutelas-1997'>Tutelas 1997<\/a><\/div>\n<h4 class=\"pt-cv-title\"><a href=\"https:\/\/www.dmsjuridica.com\/buscador_20179478954\/corteconstitucionalcronologico202454587\/t-674-97\/\" class=\"_self\" target=\"_self\" >T 674 97<\/a><\/h4>\n<div class=\"pt-cv-content\">T-674-97 Sentencia T-674\/97 LEGITIMACION POR ACTIVA EN TUTELA-No puede alegarse vulneraci\u00f3n de los propios derechos con base en los de otro Nadie puede alegar como violados sus propios derechos con base en la supuesta vulneraci\u00f3n de los derechos de otro u otros, pues de una parte el inter\u00e9s en la defensa corresponde a ellos, y de otra la relaci\u00f3n de vulneraci\u00f3n o amenaza de los derechos fundamentales, que constituye objeto de la tutela, debe ser directa y no transitiva ni por consecuencia. As\u00ed, no es v\u00e1lido alegar, como motivo de la solicitud de protecci\u00f3n judicial, la causa de la causa, ...<br \/><div class=\"pt-cv-rmwrap\"><a href=\"https:\/\/www.dmsjuridica.com\/buscador_20179478954\/corteconstitucionalcronologico202454587\/t-674-97\/\" class=\"_self pt-cv-readmore btn btn-success\" target=\"_self\">Ver Sentencia Completa...<\/a><\/div><\/div><\/div><\/div>\n<div class=\"col-md-12 col-sm-12 col-xs-12 pt-cv-content-item pt-cv-1-col\" ><div class='pt-cv-ifield'><a href=\"https:\/\/www.dmsjuridica.com\/buscador_20179478954\/corteconstitucionalcronologico202454587\/t-673-97\/\" class=\"_self pt-cv-href-thumbnail pt-cv-thumb-default\" target=\"_self\" ><\/a>\n<div class=\"pt-cv-taxoterm above_title\"><a href='https:\/\/www.dmsjuridica.com\/buscador_20179478954\/corteconstitucionalcronologico202454587\/category\/buscar-en-toda-la-corte\/1997\/tutelas-1997\/' title='Tutelas 1997' class='pt-cv-tax-tutelas-1997'>Tutelas 1997<\/a><\/div>\n<h4 class=\"pt-cv-title\"><a href=\"https:\/\/www.dmsjuridica.com\/buscador_20179478954\/corteconstitucionalcronologico202454587\/t-673-97\/\" class=\"_self\" target=\"_self\" >T 673 97<\/a><\/h4>\n<div class=\"pt-cv-content\">T-673-97 Sentencia T-673\/97 ACCION DE TUTELA-Improcedencia general pago de acreencias laborales Referencia: Expediente T-125374 Acci\u00f3n de Tutela instaurada por Misael Vaca S\u00e1nchez contra el Ministerio de Hacienda y Cr\u00e9dito P\u00fablico, el Consejo Superior de la Judicatura -Sala Administrativa-,la Direcci\u00f3n Seccional de Carrera Judicial de Santa Fe de Bogot\u00e1 y Cundinamarca y la Pagadur\u00eda de la Rama Judicial Magistrado Ponente: Dr. JOS\u00c9 GREGORIO HERN\u00c1NDEZ GALINDO Sentencia aprobada en Santa Fe de Bogot\u00e1, D.C., a los once (11) d\u00edas del mes de diciembre de mil novecientos noventa y siete (1997). Se revisan las providencias proferidas por el Juzgado Quinto Penal del Circuito ...<br \/><div class=\"pt-cv-rmwrap\"><a href=\"https:\/\/www.dmsjuridica.com\/buscador_20179478954\/corteconstitucionalcronologico202454587\/t-673-97\/\" class=\"_self pt-cv-readmore btn btn-success\" target=\"_self\">Ver Sentencia Completa...<\/a><\/div><\/div><\/div><\/div>\n<div class=\"col-md-12 col-sm-12 col-xs-12 pt-cv-content-item pt-cv-1-col\" ><div class='pt-cv-ifield'><a href=\"https:\/\/www.dmsjuridica.com\/buscador_20179478954\/corteconstitucionalcronologico202454587\/t-672-97\/\" class=\"_self pt-cv-href-thumbnail pt-cv-thumb-default\" target=\"_self\" ><\/a>\n<div class=\"pt-cv-taxoterm above_title\"><a href='https:\/\/www.dmsjuridica.com\/buscador_20179478954\/corteconstitucionalcronologico202454587\/category\/buscar-en-toda-la-corte\/1997\/tutelas-1997\/' title='Tutelas 1997' class='pt-cv-tax-tutelas-1997'>Tutelas 1997<\/a><\/div>\n<h4 class=\"pt-cv-title\"><a href=\"https:\/\/www.dmsjuridica.com\/buscador_20179478954\/corteconstitucionalcronologico202454587\/t-672-97\/\" class=\"_self\" target=\"_self\" >T 672 97<\/a><\/h4>\n<div class=\"pt-cv-content\">T-672-97 Sentencia T-672\/97 El derecho de petici\u00f3n, como lo ha se\u00f1alado la jurisprudencia, se satisface -aunque lo solicitado se niegue- cuando se resuelve de fondo y con prontitud (dentro de los t\u00e9rminos legales) acerca de la solicitud respetuosa presentada por la persona y a ella se le comunica, tambi\u00e9n oportunamente, sobre lo resuelto. DERECHO DE PETICION Y DERECHO A LO PEDIDO-Diferencias DERECHO DE PETICION-T\u00e9rminos especiales de resoluci\u00f3n Si bien el t\u00e9rmino aplicable en cuanto a la resoluci\u00f3n de peticiones es de 15 d\u00edas (art\u00edculo 6 del C\u00f3digo Contencioso Administrativo), la ley puede establecer t\u00e9rminos especiales de mayor amplitud para ciertas ...<br \/><div class=\"pt-cv-rmwrap\"><a href=\"https:\/\/www.dmsjuridica.com\/buscador_20179478954\/corteconstitucionalcronologico202454587\/t-672-97\/\" class=\"_self pt-cv-readmore btn btn-success\" target=\"_self\">Ver Sentencia Completa...<\/a><\/div><\/div><\/div><\/div>\n<div class=\"col-md-12 col-sm-12 col-xs-12 pt-cv-content-item pt-cv-1-col\" ><div class='pt-cv-ifield'><a href=\"https:\/\/www.dmsjuridica.com\/buscador_20179478954\/corteconstitucionalcronologico202454587\/t-671-97\/\" class=\"_self pt-cv-href-thumbnail pt-cv-thumb-default\" target=\"_self\" ><\/a>\n<div class=\"pt-cv-taxoterm above_title\"><a href='https:\/\/www.dmsjuridica.com\/buscador_20179478954\/corteconstitucionalcronologico202454587\/category\/buscar-en-toda-la-corte\/1997\/tutelas-1997\/' title='Tutelas 1997' class='pt-cv-tax-tutelas-1997'>Tutelas 1997<\/a><\/div>\n<h4 class=\"pt-cv-title\"><a href=\"https:\/\/www.dmsjuridica.com\/buscador_20179478954\/corteconstitucionalcronologico202454587\/t-671-97\/\" class=\"_self\" target=\"_self\" >T 671 97<\/a><\/h4>\n<div class=\"pt-cv-content\">T-671-97 Sentencia T-671\/97 DERECHO DE PETICION-Resoluci\u00f3n no sujeta a disponibilidad presupuestal para reconocimiento de prestaci\u00f3n social La falta de disponibilidad presupuestal, no puede alegarse como \u00f3bice para que la administraci\u00f3n responda las solicitudes referentes al reconocimiento y liquidaci\u00f3n de prestaciones sociales. CESANTIAS PARCIALES-Reconocimiento no sujeto a disponibilidad presupuestal Referencia: Expediente T-117350 Acci\u00f3n de tutela instaurada por Orfa Marina Ovalle Franco contra el Fondo Nacional de Prestaciones Sociales del Magisterio de Santa Fe de Bogot\u00e1, D.C. Magistrado Ponente: Dr. JOS\u00c9 GREGORIO HERN\u00c1NDEZ GALINDO Sentencia aprobada en Santa Fe de Bogot\u00e1, D.C., a los once (11) d\u00edas del mes de diciembre de ...<br \/><div class=\"pt-cv-rmwrap\"><a href=\"https:\/\/www.dmsjuridica.com\/buscador_20179478954\/corteconstitucionalcronologico202454587\/t-671-97\/\" class=\"_self pt-cv-readmore btn btn-success\" target=\"_self\">Ver Sentencia Completa...<\/a><\/div><\/div><\/div><\/div>\n<div class=\"col-md-12 col-sm-12 col-xs-12 pt-cv-content-item pt-cv-1-col\" ><div class='pt-cv-ifield'><a href=\"https:\/\/www.dmsjuridica.com\/buscador_20179478954\/corteconstitucionalcronologico202454587\/t-670-97\/\" class=\"_self pt-cv-href-thumbnail pt-cv-thumb-default\" target=\"_self\" ><\/a>\n<div class=\"pt-cv-taxoterm above_title\"><a href='https:\/\/www.dmsjuridica.com\/buscador_20179478954\/corteconstitucionalcronologico202454587\/category\/buscar-en-toda-la-corte\/1997\/tutelas-1997\/' title='Tutelas 1997' class='pt-cv-tax-tutelas-1997'>Tutelas 1997<\/a><\/div>\n<h4 class=\"pt-cv-title\"><a href=\"https:\/\/www.dmsjuridica.com\/buscador_20179478954\/corteconstitucionalcronologico202454587\/t-670-97\/\" class=\"_self\" target=\"_self\" >T 670 97<\/a><\/h4>\n<div class=\"pt-cv-content\">T-670-97 Sentencia T-670\/97 ACCION DE TUTELA-Improcedencia general sobre controversias laborales Las controversias entre patronos y trabajadores por elementos puramente econ\u00f3micos de la relaci\u00f3n laboral, que dependen de la aplicaci\u00f3n al caso concreto de las normas legales -no constitucionales- reguladoras de la materia, exceden ampliamente el campo propio de la acci\u00f3n de tutela, cuyo \u00fanico objeto, por mandato del art\u00edculo 86 de la Constituci\u00f3n y seg\u00fan consolidada jurisprudencia de esta Corte, radica en la protecci\u00f3n efectiva, inmediata y subsidiaria de los derechos constitucionales fundamentales, ante actos u omisiones que los vulneren o amenacen. Y es que, por regla general, la existencia ...<br \/><div class=\"pt-cv-rmwrap\"><a href=\"https:\/\/www.dmsjuridica.com\/buscador_20179478954\/corteconstitucionalcronologico202454587\/t-670-97\/\" class=\"_self pt-cv-readmore btn btn-success\" target=\"_self\">Ver Sentencia Completa...<\/a><\/div><\/div><\/div><\/div>\n<div class=\"col-md-12 col-sm-12 col-xs-12 pt-cv-content-item pt-cv-1-col\" ><div class='pt-cv-ifield'><a href=\"https:\/\/www.dmsjuridica.com\/buscador_20179478954\/corteconstitucionalcronologico202454587\/t-669-97\/\" class=\"_self pt-cv-href-thumbnail pt-cv-thumb-default\" target=\"_self\" ><\/a>\n<div class=\"pt-cv-taxoterm above_title\"><a href='https:\/\/www.dmsjuridica.com\/buscador_20179478954\/corteconstitucionalcronologico202454587\/category\/buscar-en-toda-la-corte\/1997\/tutelas-1997\/' title='Tutelas 1997' class='pt-cv-tax-tutelas-1997'>Tutelas 1997<\/a><\/div>\n<h4 class=\"pt-cv-title\"><a href=\"https:\/\/www.dmsjuridica.com\/buscador_20179478954\/corteconstitucionalcronologico202454587\/t-669-97\/\" class=\"_self\" target=\"_self\" >T 669 97<\/a><\/h4>\n<div class=\"pt-cv-content\">T-669-97 Sentencia T-669\/97 ENTIDAD PROMOTORA DE SALUD-Reclamaci\u00f3n por no suministro de aporte patronal e inversi\u00f3n por mora La EPS no queda desprotegida si el comportamiento omisivo es patronal. La EPS puede reclamar al patrono incumplido no s\u00f3lo las cuotas debidas sino la inversi\u00f3n hecha cuando estaba en mora. Es, pues, muy clara la jurisprudencia: el trabajador y los beneficiarios no pueden quedar perjudicados por la desidia patronal. Referencia: Expediente T-146279 Procedencia: Juzgado 16 laboral de Santaf\u00e9 de Bogot\u00e1 Accionante: William Salgado Tema: Omisi\u00f3n en cotizaciones Magistrado Ponente: Dr. ALEJANDRO MARTINEZ CABALLERO Santa Fe de Bogot\u00e1, D.C., diez (10) de diciembre ...<br \/><div class=\"pt-cv-rmwrap\"><a href=\"https:\/\/www.dmsjuridica.com\/buscador_20179478954\/corteconstitucionalcronologico202454587\/t-669-97\/\" class=\"_self pt-cv-readmore btn btn-success\" target=\"_self\">Ver Sentencia Completa...<\/a><\/div><\/div><\/div><\/div>\n<div class=\"col-md-12 col-sm-12 col-xs-12 pt-cv-content-item pt-cv-1-col\" ><div class='pt-cv-ifield'><a href=\"https:\/\/www.dmsjuridica.com\/buscador_20179478954\/corteconstitucionalcronologico202454587\/t-668-97\/\" class=\"_self pt-cv-href-thumbnail pt-cv-thumb-default\" target=\"_self\" ><\/a>\n<div class=\"pt-cv-taxoterm above_title\"><a href='https:\/\/www.dmsjuridica.com\/buscador_20179478954\/corteconstitucionalcronologico202454587\/category\/buscar-en-toda-la-corte\/1997\/tutelas-1997\/' title='Tutelas 1997' class='pt-cv-tax-tutelas-1997'>Tutelas 1997<\/a><\/div>\n<h4 class=\"pt-cv-title\"><a href=\"https:\/\/www.dmsjuridica.com\/buscador_20179478954\/corteconstitucionalcronologico202454587\/t-668-97\/\" class=\"_self\" target=\"_self\" >T 668 97<\/a><\/h4>\n<div class=\"pt-cv-content\">T-668-97 Sentencia T-668\/97 DERECHO AL DEBIDO PROCESO-Orden justo\/DERECHO A LA JURISDICCION PERTINENTE-Orden justo El debido proceso significa un derecho a algo para la persona y ese derecho a algo es el derecho a un orden justo, que incluye, en cuanto el caso motivo de la presente tutela, el derecho a jurisdicci\u00f3n y, obviamente, a la jurisdicci\u00f3n pertinente. De no ser as\u00ed se afectar\u00eda el derecho fundamental a la integridad y primac\u00eda de la Constituci\u00f3n. VIA DE HECHO-Tramitaci\u00f3n de asunto por jurisdicci\u00f3n que no corresponde\/JURISDICCION ORDINARIA-Tr\u00e1mite asunto de otra jurisdicci\u00f3n no se justifica por silencio de partes o desidia del juez\/JUEZ ...<br \/><div class=\"pt-cv-rmwrap\"><a href=\"https:\/\/www.dmsjuridica.com\/buscador_20179478954\/corteconstitucionalcronologico202454587\/t-668-97\/\" class=\"_self pt-cv-readmore btn btn-success\" target=\"_self\">Ver Sentencia Completa...<\/a><\/div><\/div><\/div><\/div>\n<div class=\"col-md-12 col-sm-12 col-xs-12 pt-cv-content-item pt-cv-1-col\" ><div class='pt-cv-ifield'><a href=\"https:\/\/www.dmsjuridica.com\/buscador_20179478954\/corteconstitucionalcronologico202454587\/t-667-97\/\" class=\"_self pt-cv-href-thumbnail pt-cv-thumb-default\" target=\"_self\" ><\/a>\n<div class=\"pt-cv-taxoterm above_title\"><a href='https:\/\/www.dmsjuridica.com\/buscador_20179478954\/corteconstitucionalcronologico202454587\/category\/buscar-en-toda-la-corte\/1997\/tutelas-1997\/' title='Tutelas 1997' class='pt-cv-tax-tutelas-1997'>Tutelas 1997<\/a><\/div>\n<h4 class=\"pt-cv-title\"><a href=\"https:\/\/www.dmsjuridica.com\/buscador_20179478954\/corteconstitucionalcronologico202454587\/t-667-97\/\" class=\"_self\" target=\"_self\" >T 667 97<\/a><\/h4>\n<div class=\"pt-cv-content\">T-667-97 Sentencia T-667\/97 REGLAMENTO EDUCATIVO-No puede obstaculizar estudios por embarazo Referencia: Expediente T-147380 Accionante: Mario Jaime Tobar Tema: Derecho a la Educaci\u00f3n Magistrado Ponente: Dr. ALEJANDRO MART\u00cdNEZ CABALLERO Santa Fe de Bogot\u00e1, D.C., diez (10) de diciembre de mil novecientos noventa y siete (1997) La Sala S\u00e9ptima de Revisi\u00f3n de la Corte Constitucional, integrada por los Magistrados doctores Fabio Mor\u00f3n D\u00edaz, Vladimiro Naranjo Mesa y Alejandro Mart\u00ednez Caballero, quien la preside, en ejercicio de sus competencias constitucionales y legales, EN NOMBRE DEL PUEBLO Y Ha pronunciado la siguiente SENTENCIA Dentro del expediente T-147380, instaurado por Mario Jaime Tobar, en representaci\u00f3n ...<br \/><div class=\"pt-cv-rmwrap\"><a href=\"https:\/\/www.dmsjuridica.com\/buscador_20179478954\/corteconstitucionalcronologico202454587\/t-667-97\/\" class=\"_self pt-cv-readmore btn btn-success\" target=\"_self\">Ver Sentencia Completa...<\/a><\/div><\/div><\/div><\/div>\n<div class=\"col-md-12 col-sm-12 col-xs-12 pt-cv-content-item pt-cv-1-col\" ><div class='pt-cv-ifield'><a href=\"https:\/\/www.dmsjuridica.com\/buscador_20179478954\/corteconstitucionalcronologico202454587\/t-666-97\/\" class=\"_self pt-cv-href-thumbnail pt-cv-thumb-default\" target=\"_self\" ><\/a>\n<div class=\"pt-cv-taxoterm above_title\"><a href='https:\/\/www.dmsjuridica.com\/buscador_20179478954\/corteconstitucionalcronologico202454587\/category\/buscar-en-toda-la-corte\/1997\/tutelas-1997\/' title='Tutelas 1997' class='pt-cv-tax-tutelas-1997'>Tutelas 1997<\/a><\/div>\n<h4 class=\"pt-cv-title\"><a href=\"https:\/\/www.dmsjuridica.com\/buscador_20179478954\/corteconstitucionalcronologico202454587\/t-666-97\/\" class=\"_self\" target=\"_self\" >T 666 97<\/a><\/h4>\n<div class=\"pt-cv-content\">T-666-97 Sentencia T-666\/97 DERECHO A LA VIDA-Receta de medicamento por m\u00e9dico tratante no incluido en listado oficial DERECHO A LA VIDA-No puede afectarse por procedimientos burocr\u00e1ticos No sobra agregar que el derecho fundamental a la vida no puede quedar obstaculizado por procedimientos burocr\u00e1ticos. Si dentro de la reglamentaci\u00f3n se dice que previamente al examen de un especialista debe haber el examen de un m\u00e9dico general, esta exigencia no puede invocarse para pretermitir el tratamiento a una enfermedad grave, m\u00e1xime cuando ya la paciente ven\u00eda siendo tratada por el especialista. Ser\u00eda inhumano que la continuaci\u00f3n real de un tratamiento urgente quedara ...<br \/><div class=\"pt-cv-rmwrap\"><a href=\"https:\/\/www.dmsjuridica.com\/buscador_20179478954\/corteconstitucionalcronologico202454587\/t-666-97\/\" class=\"_self pt-cv-readmore btn btn-success\" target=\"_self\">Ver Sentencia Completa...<\/a><\/div><\/div><\/div><\/div>\n<div class=\"col-md-12 col-sm-12 col-xs-12 pt-cv-content-item pt-cv-1-col\" ><div class='pt-cv-ifield'><a href=\"https:\/\/www.dmsjuridica.com\/buscador_20179478954\/corteconstitucionalcronologico202454587\/t-665-97\/\" class=\"_self pt-cv-href-thumbnail pt-cv-thumb-default\" target=\"_self\" ><\/a>\n<div class=\"pt-cv-taxoterm above_title\"><a href='https:\/\/www.dmsjuridica.com\/buscador_20179478954\/corteconstitucionalcronologico202454587\/category\/buscar-en-toda-la-corte\/1997\/tutelas-1997\/' title='Tutelas 1997' class='pt-cv-tax-tutelas-1997'>Tutelas 1997<\/a><\/div>\n<h4 class=\"pt-cv-title\"><a href=\"https:\/\/www.dmsjuridica.com\/buscador_20179478954\/corteconstitucionalcronologico202454587\/t-665-97\/\" class=\"_self\" target=\"_self\" >T 665 97<\/a><\/h4>\n<div class=\"pt-cv-content\">T-665-97 Sentencia T-665\/97 ENTIDAD PROMOTORA DE SALUD-Formulaci\u00f3n de medicamentos por m\u00e9dico tratante Referencia: Expediente T-147165 Accionante: Orlando Hoyos Procedencia: Juzgado 4\u00b0 Penal Municipal De Popay\u00e1n Tema: M\u00e9dico Tratante Magistrado Ponente: Dr. ALEJANDRO MARTINEZ CABALLERO Santa Fe de Bogot\u00e1, D.C., diez (10) de diciembre de mil novecientos noventa y siete (1997) La Sala S\u00e9ptima de Revisi\u00f3n de la Corte Constitucional, integrada por los Magistrados doctores Fabio Mor\u00f3n D\u00edaz, Vladimiro Naranjo Mesa y Alejandro Mart\u00ednez Caballero, quien la preside, en ejercicio de sus competencias constitucionales y legales, EN NOMBRE DEL PUEBLO Y POR MANDATO DE LA CONSTITUCION Ha pronunciado la siguiente Dentro ...<br \/><div class=\"pt-cv-rmwrap\"><a href=\"https:\/\/www.dmsjuridica.com\/buscador_20179478954\/corteconstitucionalcronologico202454587\/t-665-97\/\" class=\"_self pt-cv-readmore btn btn-success\" target=\"_self\">Ver Sentencia Completa...<\/a><\/div><\/div><\/div><\/div>\n<div class=\"col-md-12 col-sm-12 col-xs-12 pt-cv-content-item pt-cv-1-col\" ><div class='pt-cv-ifield'><a href=\"https:\/\/www.dmsjuridica.com\/buscador_20179478954\/corteconstitucionalcronologico202454587\/t-664-97\/\" class=\"_self pt-cv-href-thumbnail pt-cv-thumb-default\" target=\"_self\" ><\/a>\n<div class=\"pt-cv-taxoterm above_title\"><a href='https:\/\/www.dmsjuridica.com\/buscador_20179478954\/corteconstitucionalcronologico202454587\/category\/buscar-en-toda-la-corte\/1997\/tutelas-1997\/' title='Tutelas 1997' class='pt-cv-tax-tutelas-1997'>Tutelas 1997<\/a><\/div>\n<h4 class=\"pt-cv-title\"><a href=\"https:\/\/www.dmsjuridica.com\/buscador_20179478954\/corteconstitucionalcronologico202454587\/t-664-97\/\" class=\"_self\" target=\"_self\" >T 664 97<\/a><\/h4>\n<div class=\"pt-cv-content\">T-664-97 Sentencia T-664\/97 ACCION DE TUTELA-Improcedencia general pago de acreencias laborales PENSION DE JUBILACION-No demostraci\u00f3n afectaci\u00f3n m\u00ednimo vital por ex\u00edguo valor Referencia: Expediente T-140807 Demandante: Angel Mar\u00eda Lagos Demandados: Alcalde Municipal De Ancuya (Nari\u00f1o). Magistrado Ponente: Dr. ALEJANDRO MART\u00cdNEZ CABALLERO Santa F\u00e9 de Bogot\u00e1 D.C., a los nueve (9) d\u00edas del mes de diciembre de mil novecientos noventa y siete (1997). En cumplimiento de lo dispuesto por el art\u00edculo 241 numeral 9\u00b0 de la Constituci\u00f3n Pol\u00edtica, en concordancia con los art\u00edculos 33 y 36 del Decreto 2591 de 1991, la Sala de Casaci\u00f3n Laboral de la Corte Suprema de Justicia, ...<br \/><div class=\"pt-cv-rmwrap\"><a href=\"https:\/\/www.dmsjuridica.com\/buscador_20179478954\/corteconstitucionalcronologico202454587\/t-664-97\/\" class=\"_self pt-cv-readmore btn btn-success\" target=\"_self\">Ver Sentencia Completa...<\/a><\/div><\/div><\/div><\/div>\n<div class=\"col-md-12 col-sm-12 col-xs-12 pt-cv-content-item pt-cv-1-col\" ><div class='pt-cv-ifield'><a href=\"https:\/\/www.dmsjuridica.com\/buscador_20179478954\/corteconstitucionalcronologico202454587\/t-663-97\/\" class=\"_self pt-cv-href-thumbnail pt-cv-thumb-default\" target=\"_self\" ><\/a>\n<div class=\"pt-cv-taxoterm above_title\"><a href='https:\/\/www.dmsjuridica.com\/buscador_20179478954\/corteconstitucionalcronologico202454587\/category\/buscar-en-toda-la-corte\/1997\/tutelas-1997\/' title='Tutelas 1997' class='pt-cv-tax-tutelas-1997'>Tutelas 1997<\/a><\/div>\n<h4 class=\"pt-cv-title\"><a href=\"https:\/\/www.dmsjuridica.com\/buscador_20179478954\/corteconstitucionalcronologico202454587\/t-663-97\/\" class=\"_self\" target=\"_self\" >T 663 97<\/a><\/h4>\n<div class=\"pt-cv-content\">T-663-97 Sentencia T-663\/97 DOCTRINA CONSTITUCIONAL SOBRE DERECHO DE PETICION-No es medio de defensa el silencio administrativo negativo Referencia: Expediente T-137574 Acci\u00f3n De Tutela Incoada Por Marvell Del Carmen Carbonell De Tobon Contra La Caja Nacional De Previsi\u00f3n Social -Cajanal-. Magistrado Ponente: Dr. ALEJANDRO MARTINEZ CABALLERO Sentencia aprobada en Santa Fe de Bogot\u00e1, D.C., a los nueve (9) d\u00edas del mes de diciembre de mil novecientos noventa y siete (1997). I. INFORMACION PRELIMINAR La accionante, Marvell del Carmen Carbonell de Tob\u00f3n, se quej\u00f3 de que, pasados quinientos sesenta d\u00edas, lo que equivale a 37 veces el plazo se\u00f1alado por la ley, ...<br \/><div class=\"pt-cv-rmwrap\"><a href=\"https:\/\/www.dmsjuridica.com\/buscador_20179478954\/corteconstitucionalcronologico202454587\/t-663-97\/\" class=\"_self pt-cv-readmore btn btn-success\" target=\"_self\">Ver Sentencia Completa...<\/a><\/div><\/div><\/div><\/div>\n<div class=\"col-md-12 col-sm-12 col-xs-12 pt-cv-content-item pt-cv-1-col\" ><div class='pt-cv-ifield'><a href=\"https:\/\/www.dmsjuridica.com\/buscador_20179478954\/corteconstitucionalcronologico202454587\/t-662-97\/\" class=\"_self pt-cv-href-thumbnail pt-cv-thumb-default\" target=\"_self\" ><\/a>\n<div class=\"pt-cv-taxoterm above_title\"><a href='https:\/\/www.dmsjuridica.com\/buscador_20179478954\/corteconstitucionalcronologico202454587\/category\/buscar-en-toda-la-corte\/1997\/tutelas-1997\/' title='Tutelas 1997' class='pt-cv-tax-tutelas-1997'>Tutelas 1997<\/a><\/div>\n<h4 class=\"pt-cv-title\"><a href=\"https:\/\/www.dmsjuridica.com\/buscador_20179478954\/corteconstitucionalcronologico202454587\/t-662-97\/\" class=\"_self\" target=\"_self\" >T 662 97<\/a><\/h4>\n<div class=\"pt-cv-content\">T-662-97 Sentencia T-662\/97 DERECHOS DE LA MUJER EMBARAZADA-Protecci\u00f3n eficaz por los jueces LICENCIA DE MATERNIDAD-Pago por tutela cuando se est\u00e1 ante el m\u00ednimo vital PRESTACIONES ECONOMICAS POR LICENCIA DE MATERNIDAD-Periodo de protecci\u00f3n laboral Referencia: Expediente T-135722 Demandante: Yaneth Liliana Lizarazo N\u00fa\u00f1ez Magistrado Ponente: Dr. ALEJANDRO MART\u00cdNEZ CABALLERO Santa Fe de Bogot\u00e1 D.C., a los nueve (9) d\u00edas del mes de diciembre de mil novecientos noventa y siete (1997). En cumplimiento de lo dispuesto por el art\u00edculo 241 numeral 9\u00b0 de la Constituci\u00f3n Pol\u00edtica, en concordancia con los art\u00edculos 33 y 36 del Decreto 2591 de 1991, la Sala Laboral de ...<br \/><div class=\"pt-cv-rmwrap\"><a href=\"https:\/\/www.dmsjuridica.com\/buscador_20179478954\/corteconstitucionalcronologico202454587\/t-662-97\/\" class=\"_self pt-cv-readmore btn btn-success\" target=\"_self\">Ver Sentencia Completa...<\/a><\/div><\/div><\/div><\/div>\n<div class=\"col-md-12 col-sm-12 col-xs-12 pt-cv-content-item pt-cv-1-col\" ><div class='pt-cv-ifield'><a href=\"https:\/\/www.dmsjuridica.com\/buscador_20179478954\/corteconstitucionalcronologico202454587\/t-661-97\/\" class=\"_self pt-cv-href-thumbnail pt-cv-thumb-default\" target=\"_self\" ><\/a>\n<div class=\"pt-cv-taxoterm above_title\"><a href='https:\/\/www.dmsjuridica.com\/buscador_20179478954\/corteconstitucionalcronologico202454587\/category\/buscar-en-toda-la-corte\/1997\/tutelas-1997\/' title='Tutelas 1997' class='pt-cv-tax-tutelas-1997'>Tutelas 1997<\/a><\/div>\n<h4 class=\"pt-cv-title\"><a href=\"https:\/\/www.dmsjuridica.com\/buscador_20179478954\/corteconstitucionalcronologico202454587\/t-661-97\/\" class=\"_self\" target=\"_self\" >T 661 97<\/a><\/h4>\n<div class=\"pt-cv-content\">T-661-97 Sentencia T-661\/97 AUXILIO DE CESANTIA-Significado y funci\u00f3n El auxilio de cesant\u00eda que se establece en la legislaci\u00f3n laboral colombiana, se articula como una obligaci\u00f3n a cargo del empleador y a favor del trabajador, y originariamente se consagr\u00f3 como eventual remedio frente a la p\u00e9rdida del empleo. Se trata sin duda, de una figura jur\u00eddica que responde a una clara orientaci\u00f3n social en el desarrollo de las relaciones entre empleador y trabajador, estableci\u00e9ndose un mecanismo que busca, por un lado, contribuir a la mengua de las cargas econ\u00f3micas que deben enfrentar los asalariados ante el cese de la actividad productiva, ...<br \/><div class=\"pt-cv-rmwrap\"><a href=\"https:\/\/www.dmsjuridica.com\/buscador_20179478954\/corteconstitucionalcronologico202454587\/t-661-97\/\" class=\"_self pt-cv-readmore btn btn-success\" target=\"_self\">Ver Sentencia Completa...<\/a><\/div><\/div><\/div><\/div>\n<div class=\"col-md-12 col-sm-12 col-xs-12 pt-cv-content-item pt-cv-1-col\" ><div class='pt-cv-ifield'><a href=\"https:\/\/www.dmsjuridica.com\/buscador_20179478954\/corteconstitucionalcronologico202454587\/t-644-97\/\" class=\"_self pt-cv-href-thumbnail pt-cv-thumb-default\" target=\"_self\" ><\/a>\n<div class=\"pt-cv-taxoterm above_title\"><a href='https:\/\/www.dmsjuridica.com\/buscador_20179478954\/corteconstitucionalcronologico202454587\/category\/buscar-en-toda-la-corte\/1997\/tutelas-1997\/' title='Tutelas 1997' class='pt-cv-tax-tutelas-1997'>Tutelas 1997<\/a><\/div>\n<h4 class=\"pt-cv-title\"><a href=\"https:\/\/www.dmsjuridica.com\/buscador_20179478954\/corteconstitucionalcronologico202454587\/t-644-97\/\" class=\"_self\" target=\"_self\" >T 644 97<\/a><\/h4>\n<div class=\"pt-cv-content\">T-644-97 Sentencia T-644\/97 PERSONERO MUNICIPAL EN ZONAS DE CONFLICTO-Legitimaci\u00f3n para instaurar tutela MEDIO DE DEFENSA JUDICIAL-Determinaci\u00f3n de relaci\u00f3n causa efecto DERECHO A LA SEGURIDAD SOCIAL-Afiliaci\u00f3n al r\u00e9gimen subsidiado Referencia: Expediente T-136.774 Acci\u00f3n de tutela contra el Comandante del Grupo de Caballer\u00eda Mecanizado N\u00famero 3 \"Cabal\" de Ipiales, por una presunta vulneraci\u00f3n de los derechos a la salud, a unas condiciones de vida digna y a la seguridad social. Temas: Legitimaci\u00f3n del Personero para interponer acciones de tutela en procura de la protecci\u00f3n de los derechos de otras personas. El Ej\u00e9rcito Nacional no vulner\u00f3 los derechos fundamentales del actor. Actor: Jes\u00fas ...<br \/><div class=\"pt-cv-rmwrap\"><a href=\"https:\/\/www.dmsjuridica.com\/buscador_20179478954\/corteconstitucionalcronologico202454587\/t-644-97\/\" class=\"_self pt-cv-readmore btn btn-success\" target=\"_self\">Ver Sentencia Completa...<\/a><\/div><\/div><\/div><\/div>\n<div class=\"col-md-12 col-sm-12 col-xs-12 pt-cv-content-item pt-cv-1-col\" ><div class='pt-cv-ifield'><a href=\"https:\/\/www.dmsjuridica.com\/buscador_20179478954\/corteconstitucionalcronologico202454587\/t-643-97\/\" class=\"_self pt-cv-href-thumbnail pt-cv-thumb-default\" target=\"_self\" ><\/a>\n<div class=\"pt-cv-taxoterm above_title\"><a href='https:\/\/www.dmsjuridica.com\/buscador_20179478954\/corteconstitucionalcronologico202454587\/category\/buscar-en-toda-la-corte\/1997\/tutelas-1997\/' title='Tutelas 1997' class='pt-cv-tax-tutelas-1997'>Tutelas 1997<\/a><\/div>\n<h4 class=\"pt-cv-title\"><a href=\"https:\/\/www.dmsjuridica.com\/buscador_20179478954\/corteconstitucionalcronologico202454587\/t-643-97\/\" class=\"_self\" target=\"_self\" >T 643 97<\/a><\/h4>\n<div class=\"pt-cv-content\">T-643-97 Sentencia T-643\/97 PRINCIPIO NO REFORMATIO IN PEJUS-Indemnizaci\u00f3n de perjuicios causados Referencia: Expediente T-119.770 Tema: \"Si el juez de segundo grado adquiere competencia s\u00f3lo en funci\u00f3n del recurso interpuesto por el procesado y s\u00f3lo para revisar la providencia en los aspectos en que pueda serle desfavorable no puede so pretexto de que ha encontrado alguna irregularidad en el proceso o en la sentencia, cuya enmienda conduce a un empeoramiento de la situaci\u00f3n del apelante, declararla si tal empeoramiento fatalmente habr\u00e1 de producirse\" (Sentencia No. SU-327\/95) Actor: Carlos Arturo G\u00f3mez Magistrado Ponente: Dr. CARLOS GAVIRIA D\u00cdAZ Santaf\u00e9 de Bogot\u00e1 D.C., tres ...<br \/><div class=\"pt-cv-rmwrap\"><a href=\"https:\/\/www.dmsjuridica.com\/buscador_20179478954\/corteconstitucionalcronologico202454587\/t-643-97\/\" class=\"_self pt-cv-readmore btn btn-success\" target=\"_self\">Ver Sentencia Completa...<\/a><\/div><\/div><\/div><\/div>\n<div class=\"col-md-12 col-sm-12 col-xs-12 pt-cv-content-item pt-cv-1-col\" ><div class='pt-cv-ifield'><a href=\"https:\/\/www.dmsjuridica.com\/buscador_20179478954\/corteconstitucionalcronologico202454587\/t-642-97\/\" class=\"_self pt-cv-href-thumbnail pt-cv-thumb-default\" target=\"_self\" ><\/a>\n<div class=\"pt-cv-taxoterm above_title\"><a href='https:\/\/www.dmsjuridica.com\/buscador_20179478954\/corteconstitucionalcronologico202454587\/category\/buscar-en-toda-la-corte\/1997\/tutelas-1997\/' title='Tutelas 1997' class='pt-cv-tax-tutelas-1997'>Tutelas 1997<\/a><\/div>\n<h4 class=\"pt-cv-title\"><a href=\"https:\/\/www.dmsjuridica.com\/buscador_20179478954\/corteconstitucionalcronologico202454587\/t-642-97\/\" class=\"_self\" target=\"_self\" >T 642 97<\/a><\/h4>\n<div class=\"pt-cv-content\">T-642-97 Sentencia T-642\/97 JUEZ DE TUTELA-Pronunciamiento sobre norma que fue objeto de control constitucional INAPLICACION DE NORMA-Procedencia excepcional de tutela S\u00f3lo excepcionalmente, mediante la acci\u00f3n de tutela, pueden inaplicarse normas legales, pero en casos en que, como ha dicho la Corte, sea ostensible la violaci\u00f3n de la Constituci\u00f3n, y para la protecci\u00f3n de derechos fundamentales. MEDIO DE DEFENSA JUDICIAL-Derogaci\u00f3n de normas Referencia: Expediente T-141.181 Actor: Gabriel Roberto Espinosa Jaramillo. Demandada: La Comisi\u00f3n Nacional de Televisi\u00f3n. Procedencia: Juzgado D\u00e9cimo Civil del Circuito de Medell\u00edn. Magistrado Ponente: Dr. JORGE ARANGO MEJ\u00cdA. Sentencia aprobada en Bogot\u00e1, D.C., a los tres (3) d\u00edas del ...<br \/><div class=\"pt-cv-rmwrap\"><a href=\"https:\/\/www.dmsjuridica.com\/buscador_20179478954\/corteconstitucionalcronologico202454587\/t-642-97\/\" class=\"_self pt-cv-readmore btn btn-success\" target=\"_self\">Ver Sentencia Completa...<\/a><\/div><\/div><\/div><\/div>\n<div class=\"col-md-12 col-sm-12 col-xs-12 pt-cv-content-item pt-cv-1-col\" ><div class='pt-cv-ifield'><a href=\"https:\/\/www.dmsjuridica.com\/buscador_20179478954\/corteconstitucionalcronologico202454587\/t-641-97\/\" class=\"_self pt-cv-href-thumbnail pt-cv-thumb-default\" target=\"_self\" ><\/a>\n<div class=\"pt-cv-taxoterm above_title\"><a href='https:\/\/www.dmsjuridica.com\/buscador_20179478954\/corteconstitucionalcronologico202454587\/category\/buscar-en-toda-la-corte\/1997\/tutelas-1997\/' title='Tutelas 1997' class='pt-cv-tax-tutelas-1997'>Tutelas 1997<\/a><\/div>\n<h4 class=\"pt-cv-title\"><a href=\"https:\/\/www.dmsjuridica.com\/buscador_20179478954\/corteconstitucionalcronologico202454587\/t-641-97\/\" class=\"_self\" target=\"_self\" >T 641 97<\/a><\/h4>\n<div class=\"pt-cv-content\">T-641-97 Sentencia T-641\/97 PROCESO DE RESTITUCION Y DE REIVINDICACION PROCESO DE RESTITUCION-Ausencia de vulneraci\u00f3n del derecho a la copropiedad y posesi\u00f3n PROCESO DE RESTITUCION-Falta de prueba de la interversi\u00f3n Referencia: Expediente T-120.629. Actores: Anatolio Alm\u00e9ciga Cifuentes. Procedencia: Corte Suprema de Justicia, Sala de Casaci\u00f3n Laboral. Magistrado Ponente: Sentencia aprobada en Bogot\u00e1, en sesi\u00f3n del tres (3) de diciembre de mil novecientos noventa y siete (1997). La Sala Primera (1a.) de Revisi\u00f3n de la Corte Constitucional, integrada por los magistrados Jorge Arango Mej\u00eda, Antonio Barrera Carbonell y Eduardo Cifuentes Mu\u00f1oz, decide sobre la sentencia de la Corte Suprema de Justicia, Sala ...<br \/><div class=\"pt-cv-rmwrap\"><a href=\"https:\/\/www.dmsjuridica.com\/buscador_20179478954\/corteconstitucionalcronologico202454587\/t-641-97\/\" class=\"_self pt-cv-readmore btn btn-success\" target=\"_self\">Ver Sentencia Completa...<\/a><\/div><\/div><\/div><\/div>\n<div class=\"col-md-12 col-sm-12 col-xs-12 pt-cv-content-item pt-cv-1-col\" ><div class='pt-cv-ifield'><a href=\"https:\/\/www.dmsjuridica.com\/buscador_20179478954\/corteconstitucionalcronologico202454587\/t-640-97\/\" class=\"_self pt-cv-href-thumbnail pt-cv-thumb-default\" target=\"_self\" ><\/a>\n<div class=\"pt-cv-taxoterm above_title\"><a href='https:\/\/www.dmsjuridica.com\/buscador_20179478954\/corteconstitucionalcronologico202454587\/category\/buscar-en-toda-la-corte\/1997\/tutelas-1997\/' title='Tutelas 1997' class='pt-cv-tax-tutelas-1997'>Tutelas 1997<\/a><\/div>\n<h4 class=\"pt-cv-title\"><a href=\"https:\/\/www.dmsjuridica.com\/buscador_20179478954\/corteconstitucionalcronologico202454587\/t-640-97\/\" class=\"_self\" target=\"_self\" >T 640 97<\/a><\/h4>\n<div class=\"pt-cv-content\">T-640-97 Sentencia T-640\/97 DERECHO A LA SEGURIDAD SOCIAL-Alcance Un cometido constitucional, connatural al Estado Social de Derecho, lo constituye la seguridad social que es un servicio p\u00fablico de car\u00e1cter obligatorio que debe ser objeto de regulaci\u00f3n por el legislador, y prestado bajo su direcci\u00f3n, coordinaci\u00f3n y control, con observancia de los principios de eficiencia, universalidad y solidaridad. Igualmente, la seguridad social se erige en un derecho irrenunciable de car\u00e1cter prestacional, a cargo de entidades p\u00fablicas o privadas, cuyo contenido y extensi\u00f3n dependen de las pol\u00edticas sociales y econ\u00f3micas del Estado, que busca mediante la adopci\u00f3n de un sistema organizacional y ...<br \/><div class=\"pt-cv-rmwrap\"><a href=\"https:\/\/www.dmsjuridica.com\/buscador_20179478954\/corteconstitucionalcronologico202454587\/t-640-97\/\" class=\"_self pt-cv-readmore btn btn-success\" target=\"_self\">Ver Sentencia Completa...<\/a><\/div><\/div><\/div><\/div>\n<div class=\"col-md-12 col-sm-12 col-xs-12 pt-cv-content-item pt-cv-1-col\" ><div class='pt-cv-ifield'><a href=\"https:\/\/www.dmsjuridica.com\/buscador_20179478954\/corteconstitucionalcronologico202454587\/t-639-97\/\" class=\"_self pt-cv-href-thumbnail pt-cv-thumb-default\" target=\"_self\" ><\/a>\n<div class=\"pt-cv-taxoterm above_title\"><a href='https:\/\/www.dmsjuridica.com\/buscador_20179478954\/corteconstitucionalcronologico202454587\/category\/buscar-en-toda-la-corte\/1997\/tutelas-1997\/' title='Tutelas 1997' class='pt-cv-tax-tutelas-1997'>Tutelas 1997<\/a><\/div>\n<h4 class=\"pt-cv-title\"><a href=\"https:\/\/www.dmsjuridica.com\/buscador_20179478954\/corteconstitucionalcronologico202454587\/t-639-97\/\" class=\"_self\" target=\"_self\" >T 639 97<\/a><\/h4>\n<div class=\"pt-cv-content\">T-639-97 Sentencia T-639\/97 MECANISMO DE DEFENSA-Alcance del car\u00e1cter judicial La jurisprudencia constitucional no solamente ha sido puntual en se\u00f1alar que el mecanismo de defensa de los derechos fundamentales de los individuos debe ser tan eficaz como la tutela para desplazarla, es decir, que debe ser sencillo, r\u00e1pido y, sobre todo, efectivo para conseguir el fin se\u00f1alado, sino que debe tener car\u00e1cter judicial. No basta con que exista legalmente dispuesta una posibilidad de acci\u00f3n, sino que el juez de tutela debe determinar, en cada caso concreto, la idoneidad de dicha posibilidad. La importancia dada por el Constituyente a los derechos fundamentales ...<br \/><div class=\"pt-cv-rmwrap\"><a href=\"https:\/\/www.dmsjuridica.com\/buscador_20179478954\/corteconstitucionalcronologico202454587\/t-639-97\/\" class=\"_self pt-cv-readmore btn btn-success\" target=\"_self\">Ver Sentencia Completa...<\/a><\/div><\/div><\/div><\/div>\n<div class=\"col-md-12 col-sm-12 col-xs-12 pt-cv-content-item pt-cv-1-col\" ><div class='pt-cv-ifield'><a href=\"https:\/\/www.dmsjuridica.com\/buscador_20179478954\/corteconstitucionalcronologico202454587\/t-638-97\/\" class=\"_self pt-cv-href-thumbnail pt-cv-thumb-default\" target=\"_self\" ><\/a>\n<div class=\"pt-cv-taxoterm above_title\"><a href='https:\/\/www.dmsjuridica.com\/buscador_20179478954\/corteconstitucionalcronologico202454587\/category\/buscar-en-toda-la-corte\/1997\/tutelas-1997\/' title='Tutelas 1997' class='pt-cv-tax-tutelas-1997'>Tutelas 1997<\/a><\/div>\n<h4 class=\"pt-cv-title\"><a href=\"https:\/\/www.dmsjuridica.com\/buscador_20179478954\/corteconstitucionalcronologico202454587\/t-638-97\/\" class=\"_self\" target=\"_self\" >T 638 97<\/a><\/h4>\n<div class=\"pt-cv-content\">T-638-97 {p} Sentencia T-638\/97 ACCION DE TUTELA-Controversias sobre cumplimiento de contratos es de rango legal DERECHO DE PETICION-Pronta resoluci\u00f3n Referencia: Expediente T-144926 Peticionario: Gil Alberto Vald\u00e9s P\u00e9rez Procedencia: Temas: Derecho de petici\u00f3n. Controversias contractuales. Magistrado Ponente: Dr. HERNANDO HERRERA VERGARA Santaf\u00e9 de Bogot\u00e1, D.C., veintiocho (28) de noviembre de mil novecientos noventa y siete (1997) La Sala Sexta de Revisi\u00f3n de la Corte Constitucional, conformada por los Magistrados Hernando Herrera Vergara, Alejandro Mart\u00ednez Caballero y Fabio Mor\u00f3n D\u00edaz revisan el fallo proferido por el Tribunal Superior de Antioquia en el asunto en referencia. I. HECHOS 1. Manifiesta el peticionario que ...<br \/><div class=\"pt-cv-rmwrap\"><a href=\"https:\/\/www.dmsjuridica.com\/buscador_20179478954\/corteconstitucionalcronologico202454587\/t-638-97\/\" class=\"_self pt-cv-readmore btn btn-success\" target=\"_self\">Ver Sentencia Completa...<\/a><\/div><\/div><\/div><\/div>\n<div class=\"col-md-12 col-sm-12 col-xs-12 pt-cv-content-item pt-cv-1-col\" ><div class='pt-cv-ifield'><a href=\"https:\/\/www.dmsjuridica.com\/buscador_20179478954\/corteconstitucionalcronologico202454587\/t-637-97\/\" class=\"_self pt-cv-href-thumbnail pt-cv-thumb-default\" target=\"_self\" ><\/a>\n<div class=\"pt-cv-taxoterm above_title\"><a href='https:\/\/www.dmsjuridica.com\/buscador_20179478954\/corteconstitucionalcronologico202454587\/category\/buscar-en-toda-la-corte\/1997\/tutelas-1997\/' title='Tutelas 1997' class='pt-cv-tax-tutelas-1997'>Tutelas 1997<\/a><\/div>\n<h4 class=\"pt-cv-title\"><a href=\"https:\/\/www.dmsjuridica.com\/buscador_20179478954\/corteconstitucionalcronologico202454587\/t-637-97\/\" class=\"_self\" target=\"_self\" >T 637 97<\/a><\/h4>\n<div class=\"pt-cv-content\">T-637-97 Sentencia T-637\/97 ACCION DE TUTELA-Improcedencia para ordenar reliquidaci\u00f3n de pensiones DERECHO DE PETICION-Car\u00e1cter excepcional de aplazamiento de respuesta Referencia: Expediente T-144764 Acci\u00f3n de tutela instaurada por Fernando Socha Barbosa contra la Caja Nacional de Previsi\u00f3n. Asunto que se reitera: Improcedencia de la tutela para ordenar reliquidaci\u00f3n de pensiones. Magistrado Ponente: Dr. HERNANDO HERRERA VERGARA. Sentencia aprobada en Santa Fe de Bogot\u00e1, D. C. a los veintiocho(28) d\u00edas del mes de noviembre de mil novecientos noventa y siete ( 1997). Revisa la Corte el fallo proferido por el Juzgado Diecisiete Civil del Circuito de Santa Fe de Bogot\u00e1, el d\u00eda ...<br \/><div class=\"pt-cv-rmwrap\"><a href=\"https:\/\/www.dmsjuridica.com\/buscador_20179478954\/corteconstitucionalcronologico202454587\/t-637-97\/\" class=\"_self pt-cv-readmore btn btn-success\" target=\"_self\">Ver Sentencia Completa...<\/a><\/div><\/div><\/div><\/div>\n<div class=\"col-md-12 col-sm-12 col-xs-12 pt-cv-content-item pt-cv-1-col\" ><div class='pt-cv-ifield'><a href=\"https:\/\/www.dmsjuridica.com\/buscador_20179478954\/corteconstitucionalcronologico202454587\/t-636-97\/\" class=\"_self pt-cv-href-thumbnail pt-cv-thumb-default\" target=\"_self\" ><\/a>\n<div class=\"pt-cv-taxoterm above_title\"><a href='https:\/\/www.dmsjuridica.com\/buscador_20179478954\/corteconstitucionalcronologico202454587\/category\/buscar-en-toda-la-corte\/1997\/tutelas-1997\/' title='Tutelas 1997' class='pt-cv-tax-tutelas-1997'>Tutelas 1997<\/a><\/div>\n<h4 class=\"pt-cv-title\"><a href=\"https:\/\/www.dmsjuridica.com\/buscador_20179478954\/corteconstitucionalcronologico202454587\/t-636-97\/\" class=\"_self\" target=\"_self\" >T 636 97<\/a><\/h4>\n<div class=\"pt-cv-content\">T-636-97 Sentencia T-636\/97 REGLAMENTO EDUCATIVO-Exigencia de cumplimiento La sola exigencia que se le hace al educando para que cumpla el Manual de Convivencia sin que ello derive en una sanci\u00f3n disciplinaria del mismo, no da lugar a considerar la violaci\u00f3n de derecho fundamental alguno, la cual debe estar acreditada en cada caso concreto. Referencia: Expediente T-144705 Acci\u00f3n de tutela incoada por Cesar Augusto Lindado Castro contra la Normal Nacional de Varones de Tunja\". Derechos invocados: Libre desarrollo de la personalidad y educaci\u00f3n. Magistrado Ponente: Dr. HERNANDO HERRERA VERGARA Sentencia aprobada en Santa Fe de Bogot\u00e1, D.C., a los veintiocho (28) ...<br \/><div class=\"pt-cv-rmwrap\"><a href=\"https:\/\/www.dmsjuridica.com\/buscador_20179478954\/corteconstitucionalcronologico202454587\/t-636-97\/\" class=\"_self pt-cv-readmore btn btn-success\" target=\"_self\">Ver Sentencia Completa...<\/a><\/div><\/div><\/div><\/div>\n<div class=\"col-md-12 col-sm-12 col-xs-12 pt-cv-content-item pt-cv-1-col\" ><div class='pt-cv-ifield'><a href=\"https:\/\/www.dmsjuridica.com\/buscador_20179478954\/corteconstitucionalcronologico202454587\/t-635-97\/\" class=\"_self pt-cv-href-thumbnail pt-cv-thumb-default\" target=\"_self\" ><\/a>\n<div class=\"pt-cv-taxoterm above_title\"><a href='https:\/\/www.dmsjuridica.com\/buscador_20179478954\/corteconstitucionalcronologico202454587\/category\/buscar-en-toda-la-corte\/1997\/tutelas-1997\/' title='Tutelas 1997' class='pt-cv-tax-tutelas-1997'>Tutelas 1997<\/a><\/div>\n<h4 class=\"pt-cv-title\"><a href=\"https:\/\/www.dmsjuridica.com\/buscador_20179478954\/corteconstitucionalcronologico202454587\/t-635-97\/\" class=\"_self\" target=\"_self\" >T 635 97<\/a><\/h4>\n<div class=\"pt-cv-content\">T-635-97 Sentencia T-635\/97 ACCION DE TUTELA-Improcedencia general pago de acreencias laborales Referencia: Expediente T-142574 Acci\u00f3n de tutela instaurada por Bertha Diosenira Rojas De Velasquez contra la Caja Nacional de Previsi\u00f3n Social CAJANAL. Dr. HERNANDO HERRERA VERGARA. Sentencia aprobada en Santa Fe de Bogot\u00e1, D. C. a los veintiocho (28) d\u00edas del mes de noviembre de mil novecientos noventa y siete (1997) Procede la Sala a revisar los fallos proferidos por los Juzgados Veintisiete Penal Municipal y Catorce Penal del Circuito de Medell\u00edn dentro del proceso de la referencia. I. INFORMACION PRELIMINAR La ciudadana demandante, interpone tutela con el fin de ...<br \/><div class=\"pt-cv-rmwrap\"><a href=\"https:\/\/www.dmsjuridica.com\/buscador_20179478954\/corteconstitucionalcronologico202454587\/t-635-97\/\" class=\"_self pt-cv-readmore btn btn-success\" target=\"_self\">Ver Sentencia Completa...<\/a><\/div><\/div><\/div><\/div>\n<div class=\"col-md-12 col-sm-12 col-xs-12 pt-cv-content-item pt-cv-1-col\" ><div class='pt-cv-ifield'><a href=\"https:\/\/www.dmsjuridica.com\/buscador_20179478954\/corteconstitucionalcronologico202454587\/t-634-97\/\" class=\"_self pt-cv-href-thumbnail pt-cv-thumb-default\" target=\"_self\" ><\/a>\n<div class=\"pt-cv-taxoterm above_title\"><a href='https:\/\/www.dmsjuridica.com\/buscador_20179478954\/corteconstitucionalcronologico202454587\/category\/buscar-en-toda-la-corte\/1997\/tutelas-1997\/' title='Tutelas 1997' class='pt-cv-tax-tutelas-1997'>Tutelas 1997<\/a><\/div>\n<h4 class=\"pt-cv-title\"><a href=\"https:\/\/www.dmsjuridica.com\/buscador_20179478954\/corteconstitucionalcronologico202454587\/t-634-97\/\" class=\"_self\" target=\"_self\" >T 634 97<\/a><\/h4>\n<div class=\"pt-cv-content\">T-634-97 Sentencia T-634\/97 DERECHO DE PETICION-Car\u00e1cter excepcional de aplazamiento de respuesta Referencia: Expediente T-141990 Acci\u00f3n de Tutela incoada Por Arlex Uchima Penilla contra la Caja Nacional de Previsi\u00f3n Social. Magistrado Ponente: Dr. HERNANDO HERRERA VERGARA. Sentencia aprobada en Santa Fe de Bogot\u00e1, D.C., a los veintiocho (28) d\u00edas del mes de noviembre de mil novecientos noventa y siete (1997). Se revisa la sentencia proferida el treinta y uno de julio de 1997 por el Juzgado Quinto Laboral del Circuito de Cali, al resolver sobre el asunto de la referencia. I. ANTECEDENTES Y DECISI\u00d3N QUE SE REVISA. El Se\u00f1or Arlex Uchima ...<br \/><div class=\"pt-cv-rmwrap\"><a href=\"https:\/\/www.dmsjuridica.com\/buscador_20179478954\/corteconstitucionalcronologico202454587\/t-634-97\/\" class=\"_self pt-cv-readmore btn btn-success\" target=\"_self\">Ver Sentencia Completa...<\/a><\/div><\/div><\/div><\/div>\n<div class=\"col-md-12 col-sm-12 col-xs-12 pt-cv-content-item pt-cv-1-col\" ><div class='pt-cv-ifield'><a href=\"https:\/\/www.dmsjuridica.com\/buscador_20179478954\/corteconstitucionalcronologico202454587\/t-633-97\/\" class=\"_self pt-cv-href-thumbnail pt-cv-thumb-default\" target=\"_self\" ><\/a>\n<div class=\"pt-cv-taxoterm above_title\"><a href='https:\/\/www.dmsjuridica.com\/buscador_20179478954\/corteconstitucionalcronologico202454587\/category\/buscar-en-toda-la-corte\/1997\/tutelas-1997\/' title='Tutelas 1997' class='pt-cv-tax-tutelas-1997'>Tutelas 1997<\/a><\/div>\n<h4 class=\"pt-cv-title\"><a href=\"https:\/\/www.dmsjuridica.com\/buscador_20179478954\/corteconstitucionalcronologico202454587\/t-633-97\/\" class=\"_self\" target=\"_self\" >T 633 97<\/a><\/h4>\n<div class=\"pt-cv-content\">T-633-97 Sentencia T-633\/97 REGLAMENTO EDUCATIVO-Normas de aseo y pulcritud personal\/REGLAMENTO EDUCATIVO-Corte de cabello Referencia: Expediente T-141922 Acci\u00f3n de tutela instaurada por Mauricio Cortes Zabaleta y Danny Zamudio Valencia contra el Colegio Externado Nacional Camilo Torres. Derecho protegido : Educaci\u00f3n. Magistrado Ponente: Dr. HERNANDO HERRERA VERGARA. Sentencia aprobada en Santa Fe de Bogot\u00e1, D. C. a los veintiocho (28) d\u00edas del mes de noviembre de mil novecientos noventa y siete ( 1997) Procede la Sala a revisar los fallos proferidos por la Sala de Decisi\u00f3n Penal del Tribunal Superior de Santa Fe de Bogot\u00e1, y la Sala de Casaci\u00f3n Penal de ...<br \/><div class=\"pt-cv-rmwrap\"><a href=\"https:\/\/www.dmsjuridica.com\/buscador_20179478954\/corteconstitucionalcronologico202454587\/t-633-97\/\" class=\"_self pt-cv-readmore btn btn-success\" target=\"_self\">Ver Sentencia Completa...<\/a><\/div><\/div><\/div><\/div>\n<div class=\"col-md-12 col-sm-12 col-xs-12 pt-cv-content-item pt-cv-1-col\" ><div class='pt-cv-ifield'><a href=\"https:\/\/www.dmsjuridica.com\/buscador_20179478954\/corteconstitucionalcronologico202454587\/t-632-97\/\" class=\"_self pt-cv-href-thumbnail pt-cv-thumb-default\" target=\"_self\" ><\/a>\n<div class=\"pt-cv-taxoterm above_title\"><a href='https:\/\/www.dmsjuridica.com\/buscador_20179478954\/corteconstitucionalcronologico202454587\/category\/buscar-en-toda-la-corte\/1997\/tutelas-1997\/' title='Tutelas 1997' class='pt-cv-tax-tutelas-1997'>Tutelas 1997<\/a><\/div>\n<h4 class=\"pt-cv-title\"><a href=\"https:\/\/www.dmsjuridica.com\/buscador_20179478954\/corteconstitucionalcronologico202454587\/t-632-97\/\" class=\"_self\" target=\"_self\" >T 632 97<\/a><\/h4>\n<div class=\"pt-cv-content\">T-632-97 Sentencia T-632\/97 DERECHO A LA VIDA-No demostraci\u00f3n de peligro inminente y cotizaci\u00f3n de semanas suficientes para intervenci\u00f3n quir\u00fargica Referencia: Expediente T-147100 Procedencia: Juez Sexto Civil del Circuito de Barranquilla Accionante: Pedro Cervantes Tema: Derecho a la salud Magistrado Ponente: Dr. ALEJANDRO MART\u00cdNEZ CABALLERO Santa Fe de Bogot\u00e1, D.C., veintiocho (28) de noviembre de mil novecientos noventa y siete (1997). La Sala S\u00e9ptima de Revisi\u00f3n de la Corte Constitucional, integrada por los Magistrados doctores Fabio Mor\u00f3n D\u00edaz, Vladimiro Naranjo Mesa y Alejandro Mart\u00ednez Caballero, quien la preside, en ejercicio de sus competencias constitucionales y legales EN NOMBRE DEL PUEBLO Y ...<br \/><div class=\"pt-cv-rmwrap\"><a href=\"https:\/\/www.dmsjuridica.com\/buscador_20179478954\/corteconstitucionalcronologico202454587\/t-632-97\/\" class=\"_self pt-cv-readmore btn btn-success\" target=\"_self\">Ver Sentencia Completa...<\/a><\/div><\/div><\/div><\/div>\n<div class=\"col-md-12 col-sm-12 col-xs-12 pt-cv-content-item pt-cv-1-col\" ><div class='pt-cv-ifield'><a href=\"https:\/\/www.dmsjuridica.com\/buscador_20179478954\/corteconstitucionalcronologico202454587\/t-631-97\/\" class=\"_self pt-cv-href-thumbnail pt-cv-thumb-default\" target=\"_self\" ><\/a>\n<div class=\"pt-cv-taxoterm above_title\"><a href='https:\/\/www.dmsjuridica.com\/buscador_20179478954\/corteconstitucionalcronologico202454587\/category\/buscar-en-toda-la-corte\/1997\/tutelas-1997\/' title='Tutelas 1997' class='pt-cv-tax-tutelas-1997'>Tutelas 1997<\/a><\/div>\n<h4 class=\"pt-cv-title\"><a href=\"https:\/\/www.dmsjuridica.com\/buscador_20179478954\/corteconstitucionalcronologico202454587\/t-631-97\/\" class=\"_self\" target=\"_self\" >T 631 97<\/a><\/h4>\n<div class=\"pt-cv-content\">T-631-97 Sentencia T-631\/97 DERECHO DE PETICION-Resoluci\u00f3n oportuna y de fondo DERECHO DE PETICION-Car\u00e1cter excepcional de aplazamiento de respuesta Referencia: Expediente T-141440 Demandante: Jacobo Arturo Amador Henr\u00edquez y Clara Helena Herazo Hern\u00e1ndez. Demandado: Caja Nacional De Previsi\u00f3n Social . Derechos Invocados: Petici\u00f3n. Magistrado Ponente: Dr. HERNANDO HERRERA VERGARA Santa F\u00e9 de Bogot\u00e1 D.C., a los veintiocho (28) d\u00edas del mes de noviembre de mil novecientos noventa y siete (1997). En cumplimiento de lo dispuesto por el art\u00edculo 241 numeral 9\u00b0 de la Constituci\u00f3n Pol\u00edtica, en concordancia con los art\u00edculos 33 y 36 del Decreto 2591 de 1991, la Sala Civil-Familia del ...<br \/><div class=\"pt-cv-rmwrap\"><a href=\"https:\/\/www.dmsjuridica.com\/buscador_20179478954\/corteconstitucionalcronologico202454587\/t-631-97\/\" class=\"_self pt-cv-readmore btn btn-success\" target=\"_self\">Ver Sentencia Completa...<\/a><\/div><\/div><\/div><\/div>\n<div class=\"col-md-12 col-sm-12 col-xs-12 pt-cv-content-item pt-cv-1-col\" ><div class='pt-cv-ifield'><a href=\"https:\/\/www.dmsjuridica.com\/buscador_20179478954\/corteconstitucionalcronologico202454587\/t-630-97\/\" class=\"_self pt-cv-href-thumbnail pt-cv-thumb-default\" target=\"_self\" ><\/a>\n<div class=\"pt-cv-taxoterm above_title\"><a href='https:\/\/www.dmsjuridica.com\/buscador_20179478954\/corteconstitucionalcronologico202454587\/category\/buscar-en-toda-la-corte\/1997\/tutelas-1997\/' title='Tutelas 1997' class='pt-cv-tax-tutelas-1997'>Tutelas 1997<\/a><\/div>\n<h4 class=\"pt-cv-title\"><a href=\"https:\/\/www.dmsjuridica.com\/buscador_20179478954\/corteconstitucionalcronologico202454587\/t-630-97\/\" class=\"_self\" target=\"_self\" >T 630 97<\/a><\/h4>\n<div class=\"pt-cv-content\">T-630-97 Sentencia T-630\/97 ADMINISTRACION DE PROPIEDAD HORIZONTAL-No pago cuotas de administraci\u00f3n en condominio ACCION DE TUTELA CONTRA PARTICULARES-Procedencia frente a quienes administran condominios\/SUBORDINACION-Copropietarios respecto de asamblea general y administrador de condominio Los habitantes de conjuntos residenciales o edificios se encuentran subordinados respecto de las decisiones tomadas por esos entes, los administradores y las juntas administradoras, toda vez que las disposiciones contenidas en los reglamentos de propiedad horizontal obligan a todos los habitantes de la unidad familiar, incluso vinculan a terceros adquirentes. Por consiguiente, los residentes deber\u00e1n acatar y someterse a las ordenes proferidas por quienes, de acuerdo con lo se\u00f1alado ...<br \/><div class=\"pt-cv-rmwrap\"><a href=\"https:\/\/www.dmsjuridica.com\/buscador_20179478954\/corteconstitucionalcronologico202454587\/t-630-97\/\" class=\"_self pt-cv-readmore btn btn-success\" target=\"_self\">Ver Sentencia Completa...<\/a><\/div><\/div><\/div><\/div>\n<div class=\"col-md-12 col-sm-12 col-xs-12 pt-cv-content-item pt-cv-1-col\" ><div class='pt-cv-ifield'><a href=\"https:\/\/www.dmsjuridica.com\/buscador_20179478954\/corteconstitucionalcronologico202454587\/t-629-97\/\" class=\"_self pt-cv-href-thumbnail pt-cv-thumb-default\" target=\"_self\" ><\/a>\n<div class=\"pt-cv-taxoterm above_title\"><a href='https:\/\/www.dmsjuridica.com\/buscador_20179478954\/corteconstitucionalcronologico202454587\/category\/buscar-en-toda-la-corte\/1997\/tutelas-1997\/' title='Tutelas 1997' class='pt-cv-tax-tutelas-1997'>Tutelas 1997<\/a><\/div>\n<h4 class=\"pt-cv-title\"><a href=\"https:\/\/www.dmsjuridica.com\/buscador_20179478954\/corteconstitucionalcronologico202454587\/t-629-97\/\" class=\"_self\" target=\"_self\" >T 629 97<\/a><\/h4>\n<div class=\"pt-cv-content\">T-629-97 Sentencia T-629\/97 DERECHO DE PETICION-Car\u00e1cter excepcional de aplazamiento de respuesta Referencia: Expediente T-140950 Demandante: Ruth Mar\u00eda Barranco Torres Demandado: Caja Nacional De Previsi\u00f3n Social -Cajanal- Derechos Invocados : Petici\u00f3n. Magistrado Ponente: Dr. HERNANDO HERRERA VERGARA Santa F\u00e9 de Bogot\u00e1 D.C., a los veintiocho (28) d\u00edas del mes de noviembre de mil novecientos noventa y siete (1997). En cumplimiento de lo dispuesto por el art\u00edculo 241 numeral 9\u00b0 de la Constituci\u00f3n Pol\u00edtica, en concordancia con los art\u00edculos 33 y 36 del Decreto 2591 de 1991, el Tribunal Contencioso Administrativo del Magdalena, envi\u00f3 a la Corte Constitucional el expediente de la ...<br \/><div class=\"pt-cv-rmwrap\"><a href=\"https:\/\/www.dmsjuridica.com\/buscador_20179478954\/corteconstitucionalcronologico202454587\/t-629-97\/\" class=\"_self pt-cv-readmore btn btn-success\" target=\"_self\">Ver Sentencia Completa...<\/a><\/div><\/div><\/div><\/div>\n<div class=\"col-md-12 col-sm-12 col-xs-12 pt-cv-content-item pt-cv-1-col\" ><div class='pt-cv-ifield'><a href=\"https:\/\/www.dmsjuridica.com\/buscador_20179478954\/corteconstitucionalcronologico202454587\/t-628-97\/\" class=\"_self pt-cv-href-thumbnail pt-cv-thumb-default\" target=\"_self\" ><\/a>\n<div class=\"pt-cv-taxoterm above_title\"><a href='https:\/\/www.dmsjuridica.com\/buscador_20179478954\/corteconstitucionalcronologico202454587\/category\/buscar-en-toda-la-corte\/1997\/tutelas-1997\/' title='Tutelas 1997' class='pt-cv-tax-tutelas-1997'>Tutelas 1997<\/a><\/div>\n<h4 class=\"pt-cv-title\"><a href=\"https:\/\/www.dmsjuridica.com\/buscador_20179478954\/corteconstitucionalcronologico202454587\/t-628-97\/\" class=\"_self\" target=\"_self\" >T 628 97<\/a><\/h4>\n<div class=\"pt-cv-content\">T-628-97 Sentencia T-628\/97 DERECHO DE PETICION-Car\u00e1cter excepcional de aplazamiento de respuesta Referencia: Expediente T-140780 Acci\u00f3n de tutela promovida por Rosa Fanny Ram\u00edrez de Aristizabal contra la Caja Nacional de Previsi\u00f3n Social, CAJANAL. Magistrado Ponente: Dr. HERNANDO HERRERA VERGARA. Sentencia aprobada en Santa Fe de Bogot\u00e1, D.C., a los veintiocho (28) d\u00edas del mes de noviembre novecientos noventa y siete (1997). Revisa la Sala los fallos proferidos en el asunto de la referencia por el juzgado treinta y cuatro penal del Circuito de Bogot\u00e1 y la Sala Penal del Tribunal Superior de Santa Fe de Bogot\u00e1. I. INFORMACION PRELIMINAR Rosa Fanny ...<br \/><div class=\"pt-cv-rmwrap\"><a href=\"https:\/\/www.dmsjuridica.com\/buscador_20179478954\/corteconstitucionalcronologico202454587\/t-628-97\/\" class=\"_self pt-cv-readmore btn btn-success\" target=\"_self\">Ver Sentencia Completa...<\/a><\/div><\/div><\/div><\/div>\n<div class=\"col-md-12 col-sm-12 col-xs-12 pt-cv-content-item pt-cv-1-col\" ><div class='pt-cv-ifield'><a href=\"https:\/\/www.dmsjuridica.com\/buscador_20179478954\/corteconstitucionalcronologico202454587\/t-627-97\/\" class=\"_self pt-cv-href-thumbnail pt-cv-thumb-default\" target=\"_self\" ><\/a>\n<div class=\"pt-cv-taxoterm above_title\"><a href='https:\/\/www.dmsjuridica.com\/buscador_20179478954\/corteconstitucionalcronologico202454587\/category\/buscar-en-toda-la-corte\/1997\/tutelas-1997\/' title='Tutelas 1997' class='pt-cv-tax-tutelas-1997'>Tutelas 1997<\/a><\/div>\n<h4 class=\"pt-cv-title\"><a href=\"https:\/\/www.dmsjuridica.com\/buscador_20179478954\/corteconstitucionalcronologico202454587\/t-627-97\/\" class=\"_self\" target=\"_self\" >T 627 97<\/a><\/h4>\n<div class=\"pt-cv-content\">T-627-97 Sentencia T-627\/97 PENSION DE INVALIDEZ-Suspensi\u00f3n injustificada PENSION DE INVALIDEZ-Continuaci\u00f3n pago de mesadas hasta valoraci\u00f3n m\u00e9dica\/ACCION DE TUTELA TRANSITORIA PARA RECONOCIMIENTO DE SUSTITUCION PENSIONAL-Continuaci\u00f3n pago de pensi\u00f3n hasta nueva valoraci\u00f3n m\u00e9dica Referencia: Expediente T-140722 Demandante: Alejandro Labrador Trujillo Demandado: Cajanal Derechos Invocados: Magistrado Ponente: Dr. HERNANDO HERRERA VERGARA Santa F\u00e9 de Bogot\u00e1 D.C., a los veintiocho (28) d\u00edas del mes de noviembre de mil novecientos noventa y siete (1997). La Sala Sexta de Revisi\u00f3n de la Corte Constitucional, integrada por los Magistrados HERNANDO HERRERA VERGARA, ALEJANDRO MART\u00cdNEZ CABALLERO y FABIO MOR\u00d3N D\u00cdAZ procede a revisar las sentencias proferidas dentro de ...<br \/><div class=\"pt-cv-rmwrap\"><a href=\"https:\/\/www.dmsjuridica.com\/buscador_20179478954\/corteconstitucionalcronologico202454587\/t-627-97\/\" class=\"_self pt-cv-readmore btn btn-success\" target=\"_self\">Ver Sentencia Completa...<\/a><\/div><\/div><\/div><\/div>\n<div class=\"col-md-12 col-sm-12 col-xs-12 pt-cv-content-item pt-cv-1-col\" ><div class='pt-cv-ifield'><a href=\"https:\/\/www.dmsjuridica.com\/buscador_20179478954\/corteconstitucionalcronologico202454587\/t-626-97\/\" class=\"_self pt-cv-href-thumbnail pt-cv-thumb-default\" target=\"_self\" ><\/a>\n<div class=\"pt-cv-taxoterm above_title\"><a href='https:\/\/www.dmsjuridica.com\/buscador_20179478954\/corteconstitucionalcronologico202454587\/category\/buscar-en-toda-la-corte\/1997\/tutelas-1997\/' title='Tutelas 1997' class='pt-cv-tax-tutelas-1997'>Tutelas 1997<\/a><\/div>\n<h4 class=\"pt-cv-title\"><a href=\"https:\/\/www.dmsjuridica.com\/buscador_20179478954\/corteconstitucionalcronologico202454587\/t-626-97\/\" class=\"_self\" target=\"_self\" >T 626 97<\/a><\/h4>\n<div class=\"pt-cv-content\">T-626-97 Sentencia T-626\/97 PARTIDA PRESUPUESTAL-Improcedencia de ejecuci\u00f3n por tutela PARTIDA PRESUPUESTAL-Instrucci\u00f3n del juez para efectuar diligencias necesarias para su ejecuci\u00f3n Referencia: Expediente T-139137 Demandantes: Mar\u00eda Graciela Yarza Pineda y Blanca Oliva C\u00f3rdoba de Yarza. Demandado: Secretar\u00eda de Obras P\u00fablicas Municipales, Instituto Mi R\u00edo y Empresas P\u00fablicas de Medell\u00edn. Derechos Invocados: Vida, Salud, Igualdad, Medio Ambiente y Propiedad Magistrado Ponente: Dr. HERNANDO HERRERA VERGARA Santa F\u00e9 de Bogot\u00e1 D.C., a los veintiocho (28) d\u00edas del mes de noviembre de mil novecientos noventa y siete (1997). En cumplimiento de lo dispuesto por el art\u00edculo 241 numeral 9\u00b0 de la Constituci\u00f3n Pol\u00edtica, en ...<br \/><div class=\"pt-cv-rmwrap\"><a href=\"https:\/\/www.dmsjuridica.com\/buscador_20179478954\/corteconstitucionalcronologico202454587\/t-626-97\/\" class=\"_self pt-cv-readmore btn btn-success\" target=\"_self\">Ver Sentencia Completa...<\/a><\/div><\/div><\/div><\/div>\n<div class=\"col-md-12 col-sm-12 col-xs-12 pt-cv-content-item pt-cv-1-col\" ><div class='pt-cv-ifield'><a href=\"https:\/\/www.dmsjuridica.com\/buscador_20179478954\/corteconstitucionalcronologico202454587\/t-625-97\/\" class=\"_self pt-cv-href-thumbnail pt-cv-thumb-default\" target=\"_self\" ><\/a>\n<div class=\"pt-cv-taxoterm above_title\"><a href='https:\/\/www.dmsjuridica.com\/buscador_20179478954\/corteconstitucionalcronologico202454587\/category\/buscar-en-toda-la-corte\/1997\/tutelas-1997\/' title='Tutelas 1997' class='pt-cv-tax-tutelas-1997'>Tutelas 1997<\/a><\/div>\n<h4 class=\"pt-cv-title\"><a href=\"https:\/\/www.dmsjuridica.com\/buscador_20179478954\/corteconstitucionalcronologico202454587\/t-625-97\/\" class=\"_self\" target=\"_self\" >T 625 97<\/a><\/h4>\n<div class=\"pt-cv-content\">T-625-97 Sentencia T-625\/97 PRINCIPIO DE FAVORABILIDAD EN DERECHO PENAL DISCIPLINARIO-Materia sustantiva y procesal Tanto en materia sustantiva como procesal, las disposiciones m\u00e1s favorables al inculpado deben aplicarse de manera preferente, aunque el r\u00e9gimen transitorio determine en principio cosa diversa. PROCESO Y SANCION DISCIPLINARIA-Improcedencia respecto de interpretaci\u00f3n que de la ley hacen los jueces De ninguna manera la jurisdicci\u00f3n disciplinaria puede tener el alcance ni el sentido de \u00faltima instancia respecto de las decisiones judiciales en las distintas especialidades del Derecho, ni su papel puede constituir motivo ni raz\u00f3n v\u00e1lida para que, a trav\u00e9s de ella, tome para s\u00ed el nivel ...<br \/><div class=\"pt-cv-rmwrap\"><a href=\"https:\/\/www.dmsjuridica.com\/buscador_20179478954\/corteconstitucionalcronologico202454587\/t-625-97\/\" class=\"_self pt-cv-readmore btn btn-success\" target=\"_self\">Ver Sentencia Completa...<\/a><\/div><\/div><\/div><\/div>\n<div class=\"col-md-12 col-sm-12 col-xs-12 pt-cv-content-item pt-cv-1-col\" ><div class='pt-cv-ifield'><a href=\"https:\/\/www.dmsjuridica.com\/buscador_20179478954\/corteconstitucionalcronologico202454587\/t-624-97\/\" class=\"_self pt-cv-href-thumbnail pt-cv-thumb-default\" target=\"_self\" ><\/a>\n<div class=\"pt-cv-taxoterm above_title\"><a href='https:\/\/www.dmsjuridica.com\/buscador_20179478954\/corteconstitucionalcronologico202454587\/category\/buscar-en-toda-la-corte\/1997\/tutelas-1997\/' title='Tutelas 1997' class='pt-cv-tax-tutelas-1997'>Tutelas 1997<\/a><\/div>\n<h4 class=\"pt-cv-title\"><a href=\"https:\/\/www.dmsjuridica.com\/buscador_20179478954\/corteconstitucionalcronologico202454587\/t-624-97\/\" class=\"_self\" target=\"_self\" >T 624 97<\/a><\/h4>\n<div class=\"pt-cv-content\">T-624-97 Sentencia T-624\/97 IMPUGNACION FALLO DE TUTELA-Presentaci\u00f3n ante juez que lo notifica SEGUNDA INSTANCIA EN TUTELA-Argumentos de la impugnaci\u00f3n se deben resolver en sentencia La oportunidad procesal para resolver en relaci\u00f3n con los motivos expuestos al impugnar el fallo y acerca de los argumentos jur\u00eddicos o f\u00e1cticos que sustentan el recurso no es otra que la sentencia de segunda instancia. Es decir, el juez llamado a conocer sobre la impugnaci\u00f3n no puede eliminar desde el principio y mediante auto de rechazo la posibilidad que tienen las partes, seg\u00fan la Constituci\u00f3n de que su caso y la sentencia que resolvi\u00f3 sobre ...<br \/><div class=\"pt-cv-rmwrap\"><a href=\"https:\/\/www.dmsjuridica.com\/buscador_20179478954\/corteconstitucionalcronologico202454587\/t-624-97\/\" class=\"_self pt-cv-readmore btn btn-success\" target=\"_self\">Ver Sentencia Completa...<\/a><\/div><\/div><\/div><\/div>\n<div class=\"col-md-12 col-sm-12 col-xs-12 pt-cv-content-item pt-cv-1-col\" ><div class='pt-cv-ifield'><a href=\"https:\/\/www.dmsjuridica.com\/buscador_20179478954\/corteconstitucionalcronologico202454587\/t-623-97\/\" class=\"_self pt-cv-href-thumbnail pt-cv-thumb-default\" target=\"_self\" ><\/a>\n<div class=\"pt-cv-taxoterm above_title\"><a href='https:\/\/www.dmsjuridica.com\/buscador_20179478954\/corteconstitucionalcronologico202454587\/category\/buscar-en-toda-la-corte\/1997\/tutelas-1997\/' title='Tutelas 1997' class='pt-cv-tax-tutelas-1997'>Tutelas 1997<\/a><\/div>\n<h4 class=\"pt-cv-title\"><a href=\"https:\/\/www.dmsjuridica.com\/buscador_20179478954\/corteconstitucionalcronologico202454587\/t-623-97\/\" class=\"_self\" target=\"_self\" >T 623 97<\/a><\/h4>\n<div class=\"pt-cv-content\">T-623-97 Sentencia T-623\/97 ACCION DE TUTELA-Carencia actual de objeto Referencia: Expediente T-117776 Acci\u00f3n de Tutela instaurada por Jos\u00e9 Eusebio Prado Cuevas contra la Caja de Previsi\u00f3n Social Departamental del Cauca Magistrado Ponente: Dr. JOS\u00c9 GREGORIO HERN\u00c1NDEZ GALINDO Sentencia aprobada en Santa Fe de Bogot\u00e1, D.C., a los veintiocho (28) d\u00edas del mes de noviembre de mil novecientos noventa y siete (1997) Se revisa el fallo proferido en el asunto de la referencia por el Juzgado Tercero Penal Municipal de Popay\u00e1n. I. INFORMACION PRELIMINAR JOSE EUSEBIO PRADO CUEVAS, de setenta y dos a\u00f1os de edad, pensionado, labor\u00f3 como conductor en la ...<br \/><div class=\"pt-cv-rmwrap\"><a href=\"https:\/\/www.dmsjuridica.com\/buscador_20179478954\/corteconstitucionalcronologico202454587\/t-623-97\/\" class=\"_self pt-cv-readmore btn btn-success\" target=\"_self\">Ver Sentencia Completa...<\/a><\/div><\/div><\/div><\/div>\n<div class=\"col-md-12 col-sm-12 col-xs-12 pt-cv-content-item pt-cv-1-col\" ><div class='pt-cv-ifield'><a href=\"https:\/\/www.dmsjuridica.com\/buscador_20179478954\/corteconstitucionalcronologico202454587\/t-615-97\/\" class=\"_self pt-cv-href-thumbnail pt-cv-thumb-default\" target=\"_self\" ><\/a>\n<div class=\"pt-cv-taxoterm above_title\"><a href='https:\/\/www.dmsjuridica.com\/buscador_20179478954\/corteconstitucionalcronologico202454587\/category\/buscar-en-toda-la-corte\/1997\/tutelas-1997\/' title='Tutelas 1997' class='pt-cv-tax-tutelas-1997'>Tutelas 1997<\/a><\/div>\n<h4 class=\"pt-cv-title\"><a href=\"https:\/\/www.dmsjuridica.com\/buscador_20179478954\/corteconstitucionalcronologico202454587\/t-615-97\/\" class=\"_self\" target=\"_self\" >T 615 97<\/a><\/h4>\n<div class=\"pt-cv-content\">T-615-97 Sentencia T-615\/97 DERECHO A LA SEGURIDAD SOCIAL DE PERSONA DE LA TERCERA EDAD-Fundamental por conexidad\/DERECHO A LA VIDA EN CONDICIONES DIGNAS Y JUSTAS-Pago oportuno y completo de mesadas pensionales La Corte Constitucional, en varias de sus sentencias ha se\u00f1alado, que el derecho a la seguridad social no se constituye por s\u00ed s\u00f3lo como fundamental, pero puede llegar a tener tal connotaci\u00f3n en la medida en que su vulneraci\u00f3n o amenaza pongan en peligro o afecten alg\u00fan derecho fundamental. En el caso particular de las personas de la tercera edad, el derecho a la seguridad social adquiere una mayor entidad ...<br \/><div class=\"pt-cv-rmwrap\"><a href=\"https:\/\/www.dmsjuridica.com\/buscador_20179478954\/corteconstitucionalcronologico202454587\/t-615-97\/\" class=\"_self pt-cv-readmore btn btn-success\" target=\"_self\">Ver Sentencia Completa...<\/a><\/div><\/div><\/div><\/div>\n<div class=\"col-md-12 col-sm-12 col-xs-12 pt-cv-content-item pt-cv-1-col\" ><div class='pt-cv-ifield'><a href=\"https:\/\/www.dmsjuridica.com\/buscador_20179478954\/corteconstitucionalcronologico202454587\/t-614-97\/\" class=\"_self pt-cv-href-thumbnail pt-cv-thumb-default\" target=\"_self\" ><\/a>\n<div class=\"pt-cv-taxoterm above_title\"><a href='https:\/\/www.dmsjuridica.com\/buscador_20179478954\/corteconstitucionalcronologico202454587\/category\/buscar-en-toda-la-corte\/1997\/tutelas-1997\/' title='Tutelas 1997' class='pt-cv-tax-tutelas-1997'>Tutelas 1997<\/a><\/div>\n<h4 class=\"pt-cv-title\"><a href=\"https:\/\/www.dmsjuridica.com\/buscador_20179478954\/corteconstitucionalcronologico202454587\/t-614-97\/\" class=\"_self\" target=\"_self\" >T 614 97<\/a><\/h4>\n<div class=\"pt-cv-content\">T-614-97 Sentencia T-614\/97 DERECHO A LA INTIMIDAD PERSONAL Y FAMILIAR-Emanaciones de mal olor DERECHO A LA INTIMIDAD PERSONAL Y FAMILIAR-Criadero de animales en per\u00edmetro urbano Referencia: Expediente T-139961 Demandante: Libia In\u00e9s Cadavid Casta\u00f1o Demandados: Gustavo Agudelo Garc\u00eda y Luis Fernando Jim\u00e9nez Osorio. Derechos Invocados: Intimidad y ambiente sano. Magistrado Ponente: Dr. HERNANDO HERRERA VERGARA Santa F\u00e9 de Bogot\u00e1 D.C., a los veintis\u00e9is (26) d\u00edas del mes de noviembre de mil novecientos noventa y siete (1997). En cumplimiento de lo dispuesto por el art\u00edculo 241 numeral 9\u00b0 de la Constituci\u00f3n Pol\u00edtica, en concordancia con los art\u00edculos 33 y 36 del Decreto ...<br \/><div class=\"pt-cv-rmwrap\"><a href=\"https:\/\/www.dmsjuridica.com\/buscador_20179478954\/corteconstitucionalcronologico202454587\/t-614-97\/\" class=\"_self pt-cv-readmore btn btn-success\" target=\"_self\">Ver Sentencia Completa...<\/a><\/div><\/div><\/div><\/div>\n<div class=\"col-md-12 col-sm-12 col-xs-12 pt-cv-content-item pt-cv-1-col\" ><div class='pt-cv-ifield'><a href=\"https:\/\/www.dmsjuridica.com\/buscador_20179478954\/corteconstitucionalcronologico202454587\/t-613-97\/\" class=\"_self pt-cv-href-thumbnail pt-cv-thumb-default\" target=\"_self\" ><\/a>\n<div class=\"pt-cv-taxoterm above_title\"><a href='https:\/\/www.dmsjuridica.com\/buscador_20179478954\/corteconstitucionalcronologico202454587\/category\/buscar-en-toda-la-corte\/1997\/tutelas-1997\/' title='Tutelas 1997' class='pt-cv-tax-tutelas-1997'>Tutelas 1997<\/a><\/div>\n<h4 class=\"pt-cv-title\"><a href=\"https:\/\/www.dmsjuridica.com\/buscador_20179478954\/corteconstitucionalcronologico202454587\/t-613-97\/\" class=\"_self\" target=\"_self\" >T 613 97<\/a><\/h4>\n<div class=\"pt-cv-content\">T-613-97 Sentencia T-613\/97 ACCION DE TUTELA-Procedencia excepcional pago de acreencias laborales Referencia: Expediente T-139875 Demandante: Rosa Robles Camargo contra el Fondo de Cesant\u00edas de Santa Marta. Asunto que se reitera: Improcedencia de la tutela en relaci\u00f3n con acreencias laborales. Magistrado Ponente: Dr. HERNANDO HERRERA VERGARA Santaf\u00e9 de Bogot\u00e1, D. C. a los veintis\u00e9is (26) d\u00edas del mes de noviembre de mil novecientos noventa y siete (1997). En desarrollo de sus atribuciones constitucionales y legales, la Sala Sexta de Revisi\u00f3n de Tutelas de la Corte Constitucional, integrada por los Magistrados Hernando Herrera Vergara, Alejandro Mart\u00ednez Caballero y Fabio Mor\u00f3n D\u00edaz, procede ...<br \/><div class=\"pt-cv-rmwrap\"><a href=\"https:\/\/www.dmsjuridica.com\/buscador_20179478954\/corteconstitucionalcronologico202454587\/t-613-97\/\" class=\"_self pt-cv-readmore btn btn-success\" target=\"_self\">Ver Sentencia Completa...<\/a><\/div><\/div><\/div><\/div>\n<div class=\"col-md-12 col-sm-12 col-xs-12 pt-cv-content-item pt-cv-1-col\" ><div class='pt-cv-ifield'><a href=\"https:\/\/www.dmsjuridica.com\/buscador_20179478954\/corteconstitucionalcronologico202454587\/t-612-97\/\" class=\"_self pt-cv-href-thumbnail pt-cv-thumb-default\" target=\"_self\" ><\/a>\n<div class=\"pt-cv-taxoterm above_title\"><a href='https:\/\/www.dmsjuridica.com\/buscador_20179478954\/corteconstitucionalcronologico202454587\/category\/buscar-en-toda-la-corte\/1997\/tutelas-1997\/' title='Tutelas 1997' class='pt-cv-tax-tutelas-1997'>Tutelas 1997<\/a><\/div>\n<h4 class=\"pt-cv-title\"><a href=\"https:\/\/www.dmsjuridica.com\/buscador_20179478954\/corteconstitucionalcronologico202454587\/t-612-97\/\" class=\"_self\" target=\"_self\" >T 612 97<\/a><\/h4>\n<div class=\"pt-cv-content\">T-612-97 Sentencia T-612\/97 DERECHO A LA EDUCACION-Entrega certificado de calificaciones\/ESTABLECIMIENTO EDUCATIVO-Acci\u00f3n judicial para obtener pago de pensiones\/DERECHO A LA EDUCACION-Prevalencia Cuando la entidad educativa se niega a entregar los documentos que son resultado de la labor acad\u00e9mica desempe\u00f1ada por el estudiante, pretextando la falta de pago de las pensiones, se torna evidente el conflicto entre el derecho constitucional a la educaci\u00f3n y el derecho del plantel a recibir la remuneraci\u00f3n pactada. En efecto, la no disposici\u00f3n de los certificados implica en la pr\u00e1ctica la suspensi\u00f3n del derecho a la educaci\u00f3n, ya que es necesario presentarlos para asegurar un cupo en ...<br \/><div class=\"pt-cv-rmwrap\"><a href=\"https:\/\/www.dmsjuridica.com\/buscador_20179478954\/corteconstitucionalcronologico202454587\/t-612-97\/\" class=\"_self pt-cv-readmore btn btn-success\" target=\"_self\">Ver Sentencia Completa...<\/a><\/div><\/div><\/div><\/div>\n<div class=\"col-md-12 col-sm-12 col-xs-12 pt-cv-content-item pt-cv-1-col\" ><div class='pt-cv-ifield'><a href=\"https:\/\/www.dmsjuridica.com\/buscador_20179478954\/corteconstitucionalcronologico202454587\/t-611-97\/\" class=\"_self pt-cv-href-thumbnail pt-cv-thumb-default\" target=\"_self\" ><\/a>\n<div class=\"pt-cv-taxoterm above_title\"><a href='https:\/\/www.dmsjuridica.com\/buscador_20179478954\/corteconstitucionalcronologico202454587\/category\/buscar-en-toda-la-corte\/1997\/tutelas-1997\/' title='Tutelas 1997' class='pt-cv-tax-tutelas-1997'>Tutelas 1997<\/a><\/div>\n<h4 class=\"pt-cv-title\"><a href=\"https:\/\/www.dmsjuridica.com\/buscador_20179478954\/corteconstitucionalcronologico202454587\/t-611-97\/\" class=\"_self\" target=\"_self\" >T 611 97<\/a><\/h4>\n<div class=\"pt-cv-content\">T-611-97 Sentencia T-611\/97 REVOCACION DIRECTA DE ACTO ADMINISTRATIVO PARTICULAR Y CONCRETO-Autorizaci\u00f3n previa de particular La administraci\u00f3n o ente que profiri\u00f3 el acto, no podr\u00e1 bajo ninguna circunstancia revocar su propio el acto, sin que medie para ello la previa, expresa y escrita autorizaci\u00f3n que el particular informe. El particular respecto de quien ya se cre\u00f3 una situaci\u00f3n jur\u00eddica personal, y que en esa medida tiene un derecho adquirido, conf\u00eda en la seguridad jur\u00eddica que recae sobre tal acto de la administraci\u00f3n, y bajo el cual se encuentra cobijado por sus efectos. De esta manera, es un requisito sine qua non, ...<br \/><div class=\"pt-cv-rmwrap\"><a href=\"https:\/\/www.dmsjuridica.com\/buscador_20179478954\/corteconstitucionalcronologico202454587\/t-611-97\/\" class=\"_self pt-cv-readmore btn btn-success\" target=\"_self\">Ver Sentencia Completa...<\/a><\/div><\/div><\/div><\/div>\n<div class=\"col-md-12 col-sm-12 col-xs-12 pt-cv-content-item pt-cv-1-col\" ><div class='pt-cv-ifield'><a href=\"https:\/\/www.dmsjuridica.com\/buscador_20179478954\/corteconstitucionalcronologico202454587\/t-610-97\/\" class=\"_self pt-cv-href-thumbnail pt-cv-thumb-default\" target=\"_self\" ><\/a>\n<div class=\"pt-cv-taxoterm above_title\"><a href='https:\/\/www.dmsjuridica.com\/buscador_20179478954\/corteconstitucionalcronologico202454587\/category\/buscar-en-toda-la-corte\/1997\/tutelas-1997\/' title='Tutelas 1997' class='pt-cv-tax-tutelas-1997'>Tutelas 1997<\/a><\/div>\n<h4 class=\"pt-cv-title\"><a href=\"https:\/\/www.dmsjuridica.com\/buscador_20179478954\/corteconstitucionalcronologico202454587\/t-610-97\/\" class=\"_self\" target=\"_self\" >T 610 97<\/a><\/h4>\n<div class=\"pt-cv-content\">T-610-97 Sentencia T-610\/97 ACCION DE TUTELA-Improcedencia para provocar actos de car\u00e1cter general y abstracto La acci\u00f3n de tutela no tiene por finalidad inmiscuir a los jueces en el proceso de adopci\u00f3n de toda clase de decisiones, confiadas por la Constituci\u00f3n a las ramas y \u00f3rganos del poder p\u00fablico ni resolver por v\u00eda general toda suerte de conflictos o los problemas de diversa \u00edndole que afectan a la comunidad. La omisi\u00f3n que repercute en la violaci\u00f3n de derechos debe poder apreciarse en concreto frente a la situaci\u00f3n del afectado, no respecto del ejercicio mismo de una funci\u00f3n constitucional o de una ...<br \/><div class=\"pt-cv-rmwrap\"><a href=\"https:\/\/www.dmsjuridica.com\/buscador_20179478954\/corteconstitucionalcronologico202454587\/t-610-97\/\" class=\"_self pt-cv-readmore btn btn-success\" target=\"_self\">Ver Sentencia Completa...<\/a><\/div><\/div><\/div><\/div>\n<div class=\"col-md-12 col-sm-12 col-xs-12 pt-cv-content-item pt-cv-1-col\" ><div class='pt-cv-ifield'><a href=\"https:\/\/www.dmsjuridica.com\/buscador_20179478954\/corteconstitucionalcronologico202454587\/t-609-97\/\" class=\"_self pt-cv-href-thumbnail pt-cv-thumb-default\" target=\"_self\" ><\/a>\n<div class=\"pt-cv-taxoterm above_title\"><a href='https:\/\/www.dmsjuridica.com\/buscador_20179478954\/corteconstitucionalcronologico202454587\/category\/buscar-en-toda-la-corte\/1997\/tutelas-1997\/' title='Tutelas 1997' class='pt-cv-tax-tutelas-1997'>Tutelas 1997<\/a><\/div>\n<h4 class=\"pt-cv-title\"><a href=\"https:\/\/www.dmsjuridica.com\/buscador_20179478954\/corteconstitucionalcronologico202454587\/t-609-97\/\" class=\"_self\" target=\"_self\" >T 609 97<\/a><\/h4>\n<div class=\"pt-cv-content\">T-609-97 Sentencia T-609\/97 DERECHO DE PETICION-Resoluci\u00f3n de fondo La respuesta, entonces, adem\u00e1s de ser oportuna, debe recaer sobre lo solicitado y, en tanto el funcionario sea competente, resolver materialmente sobre el asunto planteado. La respuesta no puede ser formal o te\u00f3rica. Referencia: Expediente T-115096 Acci\u00f3n de tutela incoada por Argemiro de Jesus R\u00edos contra Favidi. Magistrado Ponente: Dr. JOS\u00c9 GREGORIO HERN\u00c1NDEZ GALINDO Sentencia aprobada en Santa Fe de Bogot\u00e1, D.C., a los veintis\u00e9is (26) d\u00edas del mes de noviembre de mil novecientos noventa y siete (1997). Se revisa la sentencia proferida en el asunto de la referencia por la Sala ...<br \/><div class=\"pt-cv-rmwrap\"><a href=\"https:\/\/www.dmsjuridica.com\/buscador_20179478954\/corteconstitucionalcronologico202454587\/t-609-97\/\" class=\"_self pt-cv-readmore btn btn-success\" target=\"_self\">Ver Sentencia Completa...<\/a><\/div><\/div><\/div><\/div>\n<div class=\"col-md-12 col-sm-12 col-xs-12 pt-cv-content-item pt-cv-1-col\" ><div class='pt-cv-ifield'><a href=\"https:\/\/www.dmsjuridica.com\/buscador_20179478954\/corteconstitucionalcronologico202454587\/t-608-97\/\" class=\"_self pt-cv-href-thumbnail pt-cv-thumb-default\" target=\"_self\" ><\/a>\n<div class=\"pt-cv-taxoterm above_title\"><a href='https:\/\/www.dmsjuridica.com\/buscador_20179478954\/corteconstitucionalcronologico202454587\/category\/buscar-en-toda-la-corte\/1997\/tutelas-1997\/' title='Tutelas 1997' class='pt-cv-tax-tutelas-1997'>Tutelas 1997<\/a><\/div>\n<h4 class=\"pt-cv-title\"><a href=\"https:\/\/www.dmsjuridica.com\/buscador_20179478954\/corteconstitucionalcronologico202454587\/t-608-97\/\" class=\"_self\" target=\"_self\" >T 608 97<\/a><\/h4>\n<div class=\"pt-cv-content\">T-608-97 Sentencia T-608\/97 ACTO ADMINISTRATIVO-Expedici\u00f3n por autoridad inexistente DERECHO A LA IGUALDAD-Discriminaci\u00f3n en el pago de cesant\u00edas parciales Referencia: Expediente T-115043 Acci\u00f3n de Tutela incoada por Luis Yesid P\u00e9rez Alarc\u00f3n contra el Hospital \"Erasmo Meoz\" de C\u00facuta. Magistrado Ponente: Dr. JOS\u00c9 GREGORIO HERN\u00c1NDEZ GALINDO Sentencia aprobada en Santa Fe de Bogot\u00e1, D.C., a los veintis\u00e9is (26) d\u00edas del mes de noviembre de mil novecientos noventa y siete (1997). Se revisan los fallos proferidos por el Juzgado Segundo Laboral y por la Sala Laboral del Tribunal Superior del Distrito Judicial de C\u00facuta, al resolver sobre la acci\u00f3n de tutela en referencia ...<br \/><div class=\"pt-cv-rmwrap\"><a href=\"https:\/\/www.dmsjuridica.com\/buscador_20179478954\/corteconstitucionalcronologico202454587\/t-608-97\/\" class=\"_self pt-cv-readmore btn btn-success\" target=\"_self\">Ver Sentencia Completa...<\/a><\/div><\/div><\/div><\/div>\n<div class=\"col-md-12 col-sm-12 col-xs-12 pt-cv-content-item pt-cv-1-col\" ><div class='pt-cv-ifield'><a href=\"https:\/\/www.dmsjuridica.com\/buscador_20179478954\/corteconstitucionalcronologico202454587\/t-607-97\/\" class=\"_self pt-cv-href-thumbnail pt-cv-thumb-default\" target=\"_self\" ><\/a>\n<div class=\"pt-cv-taxoterm above_title\"><a href='https:\/\/www.dmsjuridica.com\/buscador_20179478954\/corteconstitucionalcronologico202454587\/category\/buscar-en-toda-la-corte\/1997\/tutelas-1997\/' title='Tutelas 1997' class='pt-cv-tax-tutelas-1997'>Tutelas 1997<\/a><\/div>\n<h4 class=\"pt-cv-title\"><a href=\"https:\/\/www.dmsjuridica.com\/buscador_20179478954\/corteconstitucionalcronologico202454587\/t-607-97\/\" class=\"_self\" target=\"_self\" >T 607 97<\/a><\/h4>\n<div class=\"pt-cv-content\">T-607-97 Sentencia T-607\/97 ENFERMEDADES CATASTROFICAS O RUINOSAS-Tratamiento de quimioterapia por EPS ENFERMEDADES CATASTROFICAS O RUINOSAS-Repetici\u00f3n de EPS contra el Estado por no cumplirse periodo m\u00ednimo de cotizaci\u00f3n SISTEMA DE SEGURIDAD SOCIAL EN SALUD-Afiliaci\u00f3n es al sistema y no a la E.P.S. Referencia: Expediente T-136286 Peticionaria: Gloria Patricia P\u00e9rez Lozano Procedencia: Sala Civil del Tribunal Superior de Santaf\u00e9 de Bogot\u00e1 Tema: Cotizaciones a las EPS Magistrado Ponente: Dr. ALEJANDRO MARTINEZ CABALLERO Santa Fe de Bogot\u00e1 D.C., veinticinco (25) de noviembre de mil novecientos noventa y siete (1997). La Sala S\u00e9ptima de Revisi\u00f3n de la Corte Constitucional, integrada por los Magistrados Alejandro ...<br \/><div class=\"pt-cv-rmwrap\"><a href=\"https:\/\/www.dmsjuridica.com\/buscador_20179478954\/corteconstitucionalcronologico202454587\/t-607-97\/\" class=\"_self pt-cv-readmore btn btn-success\" target=\"_self\">Ver Sentencia Completa...<\/a><\/div><\/div><\/div><\/div>\n<div class=\"col-md-12 col-sm-12 col-xs-12 pt-cv-content-item pt-cv-1-col\" ><div class='pt-cv-ifield'><a href=\"https:\/\/www.dmsjuridica.com\/buscador_20179478954\/corteconstitucionalcronologico202454587\/t-606-97\/\" class=\"_self pt-cv-href-thumbnail pt-cv-thumb-default\" target=\"_self\" ><\/a>\n<div class=\"pt-cv-taxoterm above_title\"><a href='https:\/\/www.dmsjuridica.com\/buscador_20179478954\/corteconstitucionalcronologico202454587\/category\/buscar-en-toda-la-corte\/1997\/tutelas-1997\/' title='Tutelas 1997' class='pt-cv-tax-tutelas-1997'>Tutelas 1997<\/a><\/div>\n<h4 class=\"pt-cv-title\"><a href=\"https:\/\/www.dmsjuridica.com\/buscador_20179478954\/corteconstitucionalcronologico202454587\/t-606-97\/\" class=\"_self\" target=\"_self\" >T 606 97<\/a><\/h4>\n<div class=\"pt-cv-content\">T-606-97 Sentencia T-606\/97 PLAN DE ATENCION BASICA EN SALUD-Prestaci\u00f3n por el Estado\/PLAN OBLIGATORIO DE SALUD-Prestaci\u00f3n por EPS ENFERMEDADES CATASTROFICAS O RUINOSAS-Periodos m\u00ednimos de cotizaci\u00f3n SISTEMA DE SEGURIDAD SOCIAL EN SALUD-Afiliaci\u00f3n es al sistema y no a la E.P.S. DERECHO A LA VIDA-Suministro de medicamentos no contenido en listado oficial ENTIDAD PROMOTORA DE SALUD-Repetici\u00f3n contra el Estado por medicamentos que no figuren en listado Referencia: Expediente T-140663, 140669, 140986, 141527, 141970 Procedencia: Juzgado 39 Civil del Circuito de Bogot\u00e1, Juzgado 6 Laboral de Medell\u00edn, Juzgado 38 Penal Municipal de Medell\u00edn, Juzgado 12 Laboral de Medell\u00edn, Tribunal Superior Sala Laboral de Medell\u00edn ...<br \/><div class=\"pt-cv-rmwrap\"><a href=\"https:\/\/www.dmsjuridica.com\/buscador_20179478954\/corteconstitucionalcronologico202454587\/t-606-97\/\" class=\"_self pt-cv-readmore btn btn-success\" target=\"_self\">Ver Sentencia Completa...<\/a><\/div><\/div><\/div><\/div>\n<div class=\"col-md-12 col-sm-12 col-xs-12 pt-cv-content-item pt-cv-1-col\" ><div class='pt-cv-ifield'><a href=\"https:\/\/www.dmsjuridica.com\/buscador_20179478954\/corteconstitucionalcronologico202454587\/t-605-97\/\" class=\"_self pt-cv-href-thumbnail pt-cv-thumb-default\" target=\"_self\" ><\/a>\n<div class=\"pt-cv-taxoterm above_title\"><a href='https:\/\/www.dmsjuridica.com\/buscador_20179478954\/corteconstitucionalcronologico202454587\/category\/buscar-en-toda-la-corte\/1997\/tutelas-1997\/' title='Tutelas 1997' class='pt-cv-tax-tutelas-1997'>Tutelas 1997<\/a><\/div>\n<h4 class=\"pt-cv-title\"><a href=\"https:\/\/www.dmsjuridica.com\/buscador_20179478954\/corteconstitucionalcronologico202454587\/t-605-97\/\" class=\"_self\" target=\"_self\" >T 605 97<\/a><\/h4>\n<div class=\"pt-cv-content\">T-605-97 Sentencia T-605\/97 INPEC-Discrecionalidad adecuada y proporcional para traslado de internos\/DERECHO A LA UNIDAD FAMILIAR DEL INTERNO-Restricci\u00f3n La discrecionalidad legal del traslado, impide que el juez de tutela interfiera en tal decisi\u00f3n, siempre y cuando la misma no sea arbitraria y no vulnere o amenace derechos constitucionales fundamentales que no puedan ser limitados o suspendidos, ni siquiera estando en la condici\u00f3n de reo, como lo ser\u00edan el derecho a la vida, la integridad f\u00edsica y la salud, entre otros. La situaci\u00f3n particular de los accionantes -convictos-, implica necesariamente la limitaci\u00f3n o restricci\u00f3n de ciertos derechos, entre ellos el referido a ...<br \/><div class=\"pt-cv-rmwrap\"><a href=\"https:\/\/www.dmsjuridica.com\/buscador_20179478954\/corteconstitucionalcronologico202454587\/t-605-97\/\" class=\"_self pt-cv-readmore btn btn-success\" target=\"_self\">Ver Sentencia Completa...<\/a><\/div><\/div><\/div><\/div>\n<div class=\"col-md-12 col-sm-12 col-xs-12 pt-cv-content-item pt-cv-1-col\" ><div class='pt-cv-ifield'><a href=\"https:\/\/www.dmsjuridica.com\/buscador_20179478954\/corteconstitucionalcronologico202454587\/t-592-97\/\" class=\"_self pt-cv-href-thumbnail pt-cv-thumb-default\" target=\"_self\" ><\/a>\n<div class=\"pt-cv-taxoterm above_title\"><a href='https:\/\/www.dmsjuridica.com\/buscador_20179478954\/corteconstitucionalcronologico202454587\/category\/buscar-en-toda-la-corte\/1997\/tutelas-1997\/' title='Tutelas 1997' class='pt-cv-tax-tutelas-1997'>Tutelas 1997<\/a><\/div>\n<h4 class=\"pt-cv-title\"><a href=\"https:\/\/www.dmsjuridica.com\/buscador_20179478954\/corteconstitucionalcronologico202454587\/t-592-97\/\" class=\"_self\" target=\"_self\" >T 592 97<\/a><\/h4>\n<div class=\"pt-cv-content\">T-592-97 Sentencia T-592\/97 RELACION FAMILIAR-Inexistencia pruebas sobre calidad madre de crianza Referencia : Expediente T-139.131 Demandante : Martha Luc\u00eda Giraldo Alzate. Demandados: Polic\u00eda Departamental del Cauca y Ministerio de Defensa. Magistrado ponente : Dr. JORGE ARANGO MEJ\u00cdA. Sentencia aprobada en Bogot\u00e1, en la sesi\u00f3n de la Sala Primera de Revisi\u00f3n a los diez y ocho (18) d\u00edas del mes de noviembre de mil novecientos noventa y siete (1997). La Sala Primera de Revisi\u00f3n de la Corte Constitucional, integrada por los magistrados Jorge Arango Mej\u00eda, Antonio Barrera Carbonell y Eduardo Cifuentes Mu\u00f1oz, decide sobre el fallo proferido por el Juzgado Primero ...<br \/><div class=\"pt-cv-rmwrap\"><a href=\"https:\/\/www.dmsjuridica.com\/buscador_20179478954\/corteconstitucionalcronologico202454587\/t-592-97\/\" class=\"_self pt-cv-readmore btn btn-success\" target=\"_self\">Ver Sentencia Completa...<\/a><\/div><\/div><\/div><\/div>\n<div class=\"col-md-12 col-sm-12 col-xs-12 pt-cv-content-item pt-cv-1-col\" ><div class='pt-cv-ifield'><a href=\"https:\/\/www.dmsjuridica.com\/buscador_20179478954\/corteconstitucionalcronologico202454587\/t-580-97\/\" class=\"_self pt-cv-href-thumbnail pt-cv-thumb-default\" target=\"_self\" ><\/a>\n<div class=\"pt-cv-taxoterm above_title\"><a href='https:\/\/www.dmsjuridica.com\/buscador_20179478954\/corteconstitucionalcronologico202454587\/category\/buscar-en-toda-la-corte\/1997\/tutelas-1997\/' title='Tutelas 1997' class='pt-cv-tax-tutelas-1997'>Tutelas 1997<\/a><\/div>\n<h4 class=\"pt-cv-title\"><a href=\"https:\/\/www.dmsjuridica.com\/buscador_20179478954\/corteconstitucionalcronologico202454587\/t-580-97\/\" class=\"_self\" target=\"_self\" >T 580 97<\/a><\/h4>\n<div class=\"pt-cv-content\">T-580-97 Sentencia T-580\/97 ACCION DE TUTELA-Improcedencia general pago de acreencias laborales Referencia: Expediente T-117867 Acci\u00f3n de tutela incoada por Fabiola Duque Henao contra el Gerente del Hospital de Caldas y otro. Magistrado Ponente: Dr. JOS\u00c9 GREGORIO HERN\u00c1NDEZ GALINDO Sentencia aprobada en Santa Fe de Bogot\u00e1, D.C., a los diez (10) d\u00edas del mes de noviembre de mil novecientos noventa y siete (1997). Se revisa el fallo proferido por el Juzgado Segundo Penal del Circuito de Manizales, al resolver sobre el asunto en referencia. I. INFORMACION PRELIMINAR La accionante estima que sus derechos han sido vulnerados al no recibir de la ...<br \/><div class=\"pt-cv-rmwrap\"><a href=\"https:\/\/www.dmsjuridica.com\/buscador_20179478954\/corteconstitucionalcronologico202454587\/t-580-97\/\" class=\"_self pt-cv-readmore btn btn-success\" target=\"_self\">Ver Sentencia Completa...<\/a><\/div><\/div><\/div><\/div>\n<div class=\"col-md-12 col-sm-12 col-xs-12 pt-cv-content-item pt-cv-1-col\" ><div class='pt-cv-ifield'><a href=\"https:\/\/www.dmsjuridica.com\/buscador_20179478954\/corteconstitucionalcronologico202454587\/t-579-97\/\" class=\"_self pt-cv-href-thumbnail pt-cv-thumb-default\" target=\"_self\" ><\/a>\n<div class=\"pt-cv-taxoterm above_title\"><a href='https:\/\/www.dmsjuridica.com\/buscador_20179478954\/corteconstitucionalcronologico202454587\/category\/buscar-en-toda-la-corte\/1997\/tutelas-1997\/' title='Tutelas 1997' class='pt-cv-tax-tutelas-1997'>Tutelas 1997<\/a><\/div>\n<h4 class=\"pt-cv-title\"><a href=\"https:\/\/www.dmsjuridica.com\/buscador_20179478954\/corteconstitucionalcronologico202454587\/t-579-97\/\" class=\"_self\" target=\"_self\" >T 579 97<\/a><\/h4>\n<div class=\"pt-cv-content\">T-579-97 Sentencia T-579\/97 ACCION DE TUTELA-Afectaci\u00f3n de derechos fundamentales Ha de repetirse que el amparo constitucional se consagr\u00f3 para restablecer los derechos fundamentales conculcados o para impedir que se perfeccione su violaci\u00f3n si se trata apenas de una amenaza, pero que, de todas maneras, su presupuesto esencial, insustituible y necesario, es la afectaci\u00f3n -actual o potencial- de uno o varios de tales derechos, que son cabalmente los que la Carta Pol\u00edtica quiso hacer efectivos, por lo cual la justificaci\u00f3n de la tutela desaparece si tal supuesto falta. ACCION DE TUTELA-Nexo entre la conducta y la afectaci\u00f3n de derechos constitucionales fundamentales\/ACCION ...<br \/><div class=\"pt-cv-rmwrap\"><a href=\"https:\/\/www.dmsjuridica.com\/buscador_20179478954\/corteconstitucionalcronologico202454587\/t-579-97\/\" class=\"_self pt-cv-readmore btn btn-success\" target=\"_self\">Ver Sentencia Completa...<\/a><\/div><\/div><\/div><\/div>\n<div class=\"col-md-12 col-sm-12 col-xs-12 pt-cv-content-item pt-cv-1-col\" ><div class='pt-cv-ifield'><a href=\"https:\/\/www.dmsjuridica.com\/buscador_20179478954\/corteconstitucionalcronologico202454587\/t-578-97\/\" class=\"_self pt-cv-href-thumbnail pt-cv-thumb-default\" target=\"_self\" ><\/a>\n<div class=\"pt-cv-taxoterm above_title\"><a href='https:\/\/www.dmsjuridica.com\/buscador_20179478954\/corteconstitucionalcronologico202454587\/category\/buscar-en-toda-la-corte\/1997\/tutelas-1997\/' title='Tutelas 1997' class='pt-cv-tax-tutelas-1997'>Tutelas 1997<\/a><\/div>\n<h4 class=\"pt-cv-title\"><a href=\"https:\/\/www.dmsjuridica.com\/buscador_20179478954\/corteconstitucionalcronologico202454587\/t-578-97\/\" class=\"_self\" target=\"_self\" >T 578 97<\/a><\/h4>\n<div class=\"pt-cv-content\">T-578-97 Sentencia T-578\/97 ACCION DE TUTELA-Sujeto activo y pasivo La acci\u00f3n de tutela, seg\u00fan resulta del art\u00edculo 86 de la Constituci\u00f3n, tiene un sujeto activo -la persona de cuyos derechos fundamentales se trata, o quien obra a nombre de ella- y uno pasivo -entidad o autoridad p\u00fablica o persona particular contra la cual se dirige-, que es precisamente quien, seg\u00fan aqu\u00e9lla, causa da\u00f1o o amenaza los derechos fundamentales invocados, merced a su conducta activa u omisiva. La demanda debe presentarse indicando qui\u00e9n es ese sujeto, no solamente para que el juez pueda verificar si en verdad los derechos afectados lo ...<br \/><div class=\"pt-cv-rmwrap\"><a href=\"https:\/\/www.dmsjuridica.com\/buscador_20179478954\/corteconstitucionalcronologico202454587\/t-578-97\/\" class=\"_self pt-cv-readmore btn btn-success\" target=\"_self\">Ver Sentencia Completa...<\/a><\/div><\/div><\/div><\/div>\n<div class=\"col-md-12 col-sm-12 col-xs-12 pt-cv-content-item pt-cv-1-col\" ><div class='pt-cv-ifield'><a href=\"https:\/\/www.dmsjuridica.com\/buscador_20179478954\/corteconstitucionalcronologico202454587\/t-577-97\/\" class=\"_self pt-cv-href-thumbnail pt-cv-thumb-default\" target=\"_self\" ><\/a>\n<div class=\"pt-cv-taxoterm above_title\"><a href='https:\/\/www.dmsjuridica.com\/buscador_20179478954\/corteconstitucionalcronologico202454587\/category\/buscar-en-toda-la-corte\/1997\/tutelas-1997\/' title='Tutelas 1997' class='pt-cv-tax-tutelas-1997'>Tutelas 1997<\/a><\/div>\n<h4 class=\"pt-cv-title\"><a href=\"https:\/\/www.dmsjuridica.com\/buscador_20179478954\/corteconstitucionalcronologico202454587\/t-577-97\/\" class=\"_self\" target=\"_self\" >T 577 97<\/a><\/h4>\n<div class=\"pt-cv-content\">T-577-97 Sentencia T-577\/97 ACCION DE TUTELA-Improcedencia general pago de acreencias laborales MEDIO DE DEFENSA JUDICIAL INEFICAZ-Protecci\u00f3n m\u00ednimo vital y ex\u00edg\u00fca cuant\u00eda debida por cesant\u00eda Referencia: Expediente T-115412 Acci\u00f3n de tutela incoada por Giovanny Gal\u00e1n Garc\u00eda contra el Ministerio de Defensa Nacional. Magistrado Ponente: Dr. JOS\u00c9 GREGORIO HERN\u00c1NDEZ GALINDO Sentencia aprobada en Santa Fe de Bogot\u00e1, D.C., a los diez (10) d\u00edas del mes de noviembre de mil novecientos noventa y siete (1997). Se revisan los fallos proferidos en el caso de la referencia por el Tribunal Superior del Distrito Judicial de Santa Fe de Bogot\u00e1 y por la Sala de ...<br \/><div class=\"pt-cv-rmwrap\"><a href=\"https:\/\/www.dmsjuridica.com\/buscador_20179478954\/corteconstitucionalcronologico202454587\/t-577-97\/\" class=\"_self pt-cv-readmore btn btn-success\" target=\"_self\">Ver Sentencia Completa...<\/a><\/div><\/div><\/div><\/div>\n<div class=\"col-md-12 col-sm-12 col-xs-12 pt-cv-content-item pt-cv-1-col\" ><div class='pt-cv-ifield'><a href=\"https:\/\/www.dmsjuridica.com\/buscador_20179478954\/corteconstitucionalcronologico202454587\/t-576-97\/\" class=\"_self pt-cv-href-thumbnail pt-cv-thumb-default\" target=\"_self\" ><\/a>\n<div class=\"pt-cv-taxoterm above_title\"><a href='https:\/\/www.dmsjuridica.com\/buscador_20179478954\/corteconstitucionalcronologico202454587\/category\/buscar-en-toda-la-corte\/1997\/tutelas-1997\/' title='Tutelas 1997' class='pt-cv-tax-tutelas-1997'>Tutelas 1997<\/a><\/div>\n<h4 class=\"pt-cv-title\"><a href=\"https:\/\/www.dmsjuridica.com\/buscador_20179478954\/corteconstitucionalcronologico202454587\/t-576-97\/\" class=\"_self\" target=\"_self\" >T 576 97<\/a><\/h4>\n<div class=\"pt-cv-content\">T-576-97 ACCION DE TUTELA-Err\u00f3nea interpretaci\u00f3n judicial de disposici\u00f3n legal aplicable\/DERECHO DE ACCESO A LA ADMINISTRACION DE JUSTICIA-Negativa tr\u00e1mite de demanda por err\u00f3nea interpretaci\u00f3n de disposici\u00f3n\/MEDIO DE DEFENSA JUDICIAL INEFICAZ-Procedencia de tutela Puede ocurrir que, habiendo acudido al medio judicial ordinario, la err\u00f3nea interpretaci\u00f3n judicial sobre las disposiciones legales aplicables haya ocasionado que a la persona se le niegue el acceso a la administraci\u00f3n de justicia, de tal modo que el conflicto por ella planteado no sea recibido por los jueces ni en una ni en otra jurisdicci\u00f3n, dej\u00e1ndola indefensa. En tales eventos, si, ante la negativa de tr\u00e1mite a su ...<br \/><div class=\"pt-cv-rmwrap\"><a href=\"https:\/\/www.dmsjuridica.com\/buscador_20179478954\/corteconstitucionalcronologico202454587\/t-576-97\/\" class=\"_self pt-cv-readmore btn btn-success\" target=\"_self\">Ver Sentencia Completa...<\/a><\/div><\/div><\/div><\/div>\n<div class=\"col-md-12 col-sm-12 col-xs-12 pt-cv-content-item pt-cv-1-col\" ><div class='pt-cv-ifield'><a href=\"https:\/\/www.dmsjuridica.com\/buscador_20179478954\/corteconstitucionalcronologico202454587\/t-575-97\/\" class=\"_self pt-cv-href-thumbnail pt-cv-thumb-default\" target=\"_self\" ><\/a>\n<div class=\"pt-cv-taxoterm above_title\"><a href='https:\/\/www.dmsjuridica.com\/buscador_20179478954\/corteconstitucionalcronologico202454587\/category\/buscar-en-toda-la-corte\/1997\/tutelas-1997\/' title='Tutelas 1997' class='pt-cv-tax-tutelas-1997'>Tutelas 1997<\/a><\/div>\n<h4 class=\"pt-cv-title\"><a href=\"https:\/\/www.dmsjuridica.com\/buscador_20179478954\/corteconstitucionalcronologico202454587\/t-575-97\/\" class=\"_self\" target=\"_self\" >T 575 97<\/a><\/h4>\n<div class=\"pt-cv-content\">T-575-97 Sentencia T-575\/97 ACCION DE TUTELA-Improcedencia general pago de acreencias laborales\/ACCION DE TUTELA-Procedencia excepcional pago de acreencias laborales La Corte reitera la doctrina constitucional seg\u00fan la cual la acci\u00f3n de tutela, dada su naturaleza subsidiaria, no procede, en principio, para obtener el pago de deudas que han emanado de las relaciones laborales, toda vez que el sistema jur\u00eddico ha previsto las v\u00edas ordinarias conducentes a satisfacer esta clase de pedimentos. En las sentencias que precedieron a este fallo, se precisaron los excepcionales eventos en los cuales podr\u00eda impetrarse la acci\u00f3n de tutela para obtener el se\u00f1alado objetivo, en virtud de ...<br \/><div class=\"pt-cv-rmwrap\"><a href=\"https:\/\/www.dmsjuridica.com\/buscador_20179478954\/corteconstitucionalcronologico202454587\/t-575-97\/\" class=\"_self pt-cv-readmore btn btn-success\" target=\"_self\">Ver Sentencia Completa...<\/a><\/div><\/div><\/div><\/div>\n<div class=\"col-md-12 col-sm-12 col-xs-12 pt-cv-content-item pt-cv-1-col\" ><div class='pt-cv-ifield'><a href=\"https:\/\/www.dmsjuridica.com\/buscador_20179478954\/corteconstitucionalcronologico202454587\/t-574-97\/\" class=\"_self pt-cv-href-thumbnail pt-cv-thumb-default\" target=\"_self\" ><\/a>\n<div class=\"pt-cv-taxoterm above_title\"><a href='https:\/\/www.dmsjuridica.com\/buscador_20179478954\/corteconstitucionalcronologico202454587\/category\/buscar-en-toda-la-corte\/1997\/tutelas-1997\/' title='Tutelas 1997' class='pt-cv-tax-tutelas-1997'>Tutelas 1997<\/a><\/div>\n<h4 class=\"pt-cv-title\"><a href=\"https:\/\/www.dmsjuridica.com\/buscador_20179478954\/corteconstitucionalcronologico202454587\/t-574-97\/\" class=\"_self\" target=\"_self\" >T 574 97<\/a><\/h4>\n<div class=\"pt-cv-content\">T-574-97 Sentencia T-574\/97 ACCION DE TUTELA CONTRA PROVIDENCIAS JUDICIALES-Car\u00e1cter excepcional y subsidiario PRINCIPIO DE AUTONOMIA FUNCIONAL DEL JUEZ-Interpretaci\u00f3n que realiza el juez\/JUEZ DE TUTELA-Revisi\u00f3n excepcional de interpretaci\u00f3n que realiza el funcionario judicial Se desconocer\u00eda el principio de autonom\u00eda e independencia judicial, si se admitiese la procedencia de la acci\u00f3n de tutela por la interpretaci\u00f3n o aplicaci\u00f3n que de un precepto o figura jur\u00eddica se hiciera en una providencia judicial, cuando esa interpretaci\u00f3n o aplicaci\u00f3n responde a un razonamiento coherente y v\u00e1lido del funcionario judicial, que bien puede no compartirse, pero que se encuentra debidamente sustentado y respaldado. S\u00f3lo excepcionalmente, podr\u00eda ...<br \/><div class=\"pt-cv-rmwrap\"><a href=\"https:\/\/www.dmsjuridica.com\/buscador_20179478954\/corteconstitucionalcronologico202454587\/t-574-97\/\" class=\"_self pt-cv-readmore btn btn-success\" target=\"_self\">Ver Sentencia Completa...<\/a><\/div><\/div><\/div><\/div>\n<div class=\"col-md-12 col-sm-12 col-xs-12 pt-cv-content-item pt-cv-1-col\" ><div class='pt-cv-ifield'><a href=\"https:\/\/www.dmsjuridica.com\/buscador_20179478954\/corteconstitucionalcronologico202454587\/t-573-97\/\" class=\"_self pt-cv-href-thumbnail pt-cv-thumb-default\" target=\"_self\" ><\/a>\n<div class=\"pt-cv-taxoterm above_title\"><a href='https:\/\/www.dmsjuridica.com\/buscador_20179478954\/corteconstitucionalcronologico202454587\/category\/buscar-en-toda-la-corte\/1997\/tutelas-1997\/' title='Tutelas 1997' class='pt-cv-tax-tutelas-1997'>Tutelas 1997<\/a><\/div>\n<h4 class=\"pt-cv-title\"><a href=\"https:\/\/www.dmsjuridica.com\/buscador_20179478954\/corteconstitucionalcronologico202454587\/t-573-97\/\" class=\"_self\" target=\"_self\" >T 573 97<\/a><\/h4>\n<div class=\"pt-cv-content\">T-573-97 Sentencia T-573\/97 BENEFICIOS Y REBAJAS DE PENAS-Juez debe pronunciarse cuando se presentan supuestos de hecho Los funcionarios encargados de reconocer y aplicar los beneficios y rebajas que la ley penal reconoce en favor del procesado, est\u00e1n obligados a pronunciarse sobre su procedencia o improcedencia, cuando los supuestos de hecho para su concesi\u00f3n se dan. De lo contrario, se desconocer\u00edan el derecho a un debido proceso y, en especial, los principios de favorabilidad y legalidad, al no explicar ni justificar las razones por las cuales no se tiene en cuenta determinado beneficio o rebaja, pese a que se cumplen los ...<br \/><div class=\"pt-cv-rmwrap\"><a href=\"https:\/\/www.dmsjuridica.com\/buscador_20179478954\/corteconstitucionalcronologico202454587\/t-573-97\/\" class=\"_self pt-cv-readmore btn btn-success\" target=\"_self\">Ver Sentencia Completa...<\/a><\/div><\/div><\/div><\/div>\n<div class=\"col-md-12 col-sm-12 col-xs-12 pt-cv-content-item pt-cv-1-col\" ><div class='pt-cv-ifield'><a href=\"https:\/\/www.dmsjuridica.com\/buscador_20179478954\/corteconstitucionalcronologico202454587\/t-571-97\/\" class=\"_self pt-cv-href-thumbnail pt-cv-thumb-default\" target=\"_self\" ><\/a>\n<div class=\"pt-cv-taxoterm above_title\"><a href='https:\/\/www.dmsjuridica.com\/buscador_20179478954\/corteconstitucionalcronologico202454587\/category\/buscar-en-toda-la-corte\/1997\/tutelas-1997\/' title='Tutelas 1997' class='pt-cv-tax-tutelas-1997'>Tutelas 1997<\/a><\/div>\n<h4 class=\"pt-cv-title\"><a href=\"https:\/\/www.dmsjuridica.com\/buscador_20179478954\/corteconstitucionalcronologico202454587\/t-571-97\/\" class=\"_self\" target=\"_self\" >T 571 97<\/a><\/h4>\n<div class=\"pt-cv-content\">T-571-97 Sentencia T-571\/97 VIA DE HECHO-Alcance DEBIDO PROCESO-Formas y procedimiento Las formas y procedimientos tendientes a la recta administraci\u00f3n de justicia, se encuentran regulados en los distintos c\u00f3digos de procedimiento y normatividad que los adiciona o modifica, cuya importancia, especialidad y complejidad han hecho de su estudio una verdadera rama aut\u00f3noma del derecho, que obedece a reglas y principios propios, cuya estricta observancia deviene en garant\u00eda del debido proceso judicial que es, en suma, la satisfacci\u00f3n de todas las formalidades establecidas en la Constituci\u00f3n y la ley, dentro de cada procedimiento en particular, para hacer realidad el derecho sustancial. VIA ...<br \/><div class=\"pt-cv-rmwrap\"><a href=\"https:\/\/www.dmsjuridica.com\/buscador_20179478954\/corteconstitucionalcronologico202454587\/t-571-97\/\" class=\"_self pt-cv-readmore btn btn-success\" target=\"_self\">Ver Sentencia Completa...<\/a><\/div><\/div><\/div><\/div>\n<div class=\"col-md-12 col-sm-12 col-xs-12 pt-cv-content-item pt-cv-1-col\" ><div class='pt-cv-ifield'><a href=\"https:\/\/www.dmsjuridica.com\/buscador_20179478954\/corteconstitucionalcronologico202454587\/t-558-97\/\" class=\"_self pt-cv-href-thumbnail pt-cv-thumb-default\" target=\"_self\" ><\/a>\n<div class=\"pt-cv-taxoterm above_title\"><a href='https:\/\/www.dmsjuridica.com\/buscador_20179478954\/corteconstitucionalcronologico202454587\/category\/buscar-en-toda-la-corte\/1997\/tutelas-1997\/' title='Tutelas 1997' class='pt-cv-tax-tutelas-1997'>Tutelas 1997<\/a><\/div>\n<h4 class=\"pt-cv-title\"><a href=\"https:\/\/www.dmsjuridica.com\/buscador_20179478954\/corteconstitucionalcronologico202454587\/t-558-97\/\" class=\"_self\" target=\"_self\" >T 558 97<\/a><\/h4>\n<div class=\"pt-cv-content\">T-558-97 Sentencia T-558\/97 DERECHO A LA VIDA EN CONDICIONES DIGNAS Y JUSTAS-Pago oportuno de mesadas pensionales\/MEDIO DE DEFENSA JUDICIAL INEFICAZ-Pago oportuno de mesadas pensionales Cuando quien interpone la tutela es una persona de la tercera edad, ha de entenderse, que su capacidad laboral se encuentra pr\u00e1cticamente agotada, no pudiendo por lo tanto, generarse mediante su trabajo una fuente de ingresos. De esta manera la pensi\u00f3n entra a constituirse en ese sustento econ\u00f3mico, \u00fanico para muchas de esas personas, que les permite llevar una vida en condiciones dignas y justas. Debido a lo dispendioso de los procesos que por v\u00eda de ...<br \/><div class=\"pt-cv-rmwrap\"><a href=\"https:\/\/www.dmsjuridica.com\/buscador_20179478954\/corteconstitucionalcronologico202454587\/t-558-97\/\" class=\"_self pt-cv-readmore btn btn-success\" target=\"_self\">Ver Sentencia Completa...<\/a><\/div><\/div><\/div><\/div>\n<div class=\"col-md-12 col-sm-12 col-xs-12 pt-cv-content-item pt-cv-1-col\" ><div class='pt-cv-ifield'><a href=\"https:\/\/www.dmsjuridica.com\/buscador_20179478954\/corteconstitucionalcronologico202454587\/t-557-97\/\" class=\"_self pt-cv-href-thumbnail pt-cv-thumb-default\" target=\"_self\" ><\/a>\n<div class=\"pt-cv-taxoterm above_title\"><a href='https:\/\/www.dmsjuridica.com\/buscador_20179478954\/corteconstitucionalcronologico202454587\/category\/buscar-en-toda-la-corte\/1997\/tutelas-1997\/' title='Tutelas 1997' class='pt-cv-tax-tutelas-1997'>Tutelas 1997<\/a><\/div>\n<h4 class=\"pt-cv-title\"><a href=\"https:\/\/www.dmsjuridica.com\/buscador_20179478954\/corteconstitucionalcronologico202454587\/t-557-97\/\" class=\"_self\" target=\"_self\" >T 557 97<\/a><\/h4>\n<div class=\"pt-cv-content\">T-557-97 Sentencia T-557\/97 DERECHO DE PETICION-Pronta resoluci\u00f3n Cuando los particulares dirigen peticiones respetuosas a las autoridades p\u00fablicas, estas deber\u00e1n dar una pronta respuesta a las mismas, resolviendo en lo posible la petici\u00f3n en si misma, es decir resolviendo el asunto objeto de la petici\u00f3n. De no poderlo hacer, deber\u00e1 se\u00f1alar la fecha en que dicha respuesta se podr\u00e1 dar, y el motivo por el cual no se responde en el momento. CESANTIAS DEFINITIVAS-Reconocimiento no supeditado a disponibilidad presupuestal ACTO ADMINISTRATIVO-Expedici\u00f3n no sujeta a disponibilidad presupuestal Referencia: Expediente T-138189 Demandante: Irma Isabel Ayala Ru\u00edz Demandado: Hospital Universitario Ram\u00f3n Gonz\u00e1lez Valencia de ...<br \/><div class=\"pt-cv-rmwrap\"><a href=\"https:\/\/www.dmsjuridica.com\/buscador_20179478954\/corteconstitucionalcronologico202454587\/t-557-97\/\" class=\"_self pt-cv-readmore btn btn-success\" target=\"_self\">Ver Sentencia Completa...<\/a><\/div><\/div><\/div><\/div>\n<div class=\"col-md-12 col-sm-12 col-xs-12 pt-cv-content-item pt-cv-1-col\" ><div class='pt-cv-ifield'><a href=\"https:\/\/www.dmsjuridica.com\/buscador_20179478954\/corteconstitucionalcronologico202454587\/t-556-97\/\" class=\"_self pt-cv-href-thumbnail pt-cv-thumb-default\" target=\"_self\" ><\/a>\n<div class=\"pt-cv-taxoterm above_title\"><a href='https:\/\/www.dmsjuridica.com\/buscador_20179478954\/corteconstitucionalcronologico202454587\/category\/buscar-en-toda-la-corte\/1997\/tutelas-1997\/' title='Tutelas 1997' class='pt-cv-tax-tutelas-1997'>Tutelas 1997<\/a><\/div>\n<h4 class=\"pt-cv-title\"><a href=\"https:\/\/www.dmsjuridica.com\/buscador_20179478954\/corteconstitucionalcronologico202454587\/t-556-97\/\" class=\"_self\" target=\"_self\" >T 556 97<\/a><\/h4>\n<div class=\"pt-cv-content\">T-556-97 Sentencia T-556\/97 SUSTITUCION PENSIONAL-Improcedencia de suspensi\u00f3n unilateral\/REVOCACION DIRECTA DE ACTO ADMINISTRATIVO PARTICULAR Y CONCRETO-Improcedencia de suspensi\u00f3n de pensi\u00f3n sustitutiva Al no existir la autorizaci\u00f3n expresa de la demandante no es posible proceder a suspenderle el pago de la sustituci\u00f3n pensional en forma unilateral, y el derecho a continuar disfrutando de la misma, pues ello equivale a dejar sin efecto el acto que cre\u00f3 en su favor una situaci\u00f3n jur\u00eddica individual y concreta, o lo que es lo mismo, a revocar el acto administrativo, sin su consentimiento expreso. Referencia: Expediente T-135439 Demandante: Mar\u00eda Ang\u00e9lica Gonz\u00e1lez Arguello Procedencia: Tribunal Superior de ...<br \/><div class=\"pt-cv-rmwrap\"><a href=\"https:\/\/www.dmsjuridica.com\/buscador_20179478954\/corteconstitucionalcronologico202454587\/t-556-97\/\" class=\"_self pt-cv-readmore btn btn-success\" target=\"_self\">Ver Sentencia Completa...<\/a><\/div><\/div><\/div><\/div>\n<div class=\"col-md-12 col-sm-12 col-xs-12 pt-cv-content-item pt-cv-1-col\" ><div class='pt-cv-ifield'><a href=\"https:\/\/www.dmsjuridica.com\/buscador_20179478954\/corteconstitucionalcronologico202454587\/t-555-97\/\" class=\"_self pt-cv-href-thumbnail pt-cv-thumb-default\" target=\"_self\" ><\/a>\n<div class=\"pt-cv-taxoterm above_title\"><a href='https:\/\/www.dmsjuridica.com\/buscador_20179478954\/corteconstitucionalcronologico202454587\/category\/buscar-en-toda-la-corte\/1997\/tutelas-1997\/' title='Tutelas 1997' class='pt-cv-tax-tutelas-1997'>Tutelas 1997<\/a><\/div>\n<h4 class=\"pt-cv-title\"><a href=\"https:\/\/www.dmsjuridica.com\/buscador_20179478954\/corteconstitucionalcronologico202454587\/t-555-97\/\" class=\"_self\" target=\"_self\" >T 555 97<\/a><\/h4>\n<div class=\"pt-cv-content\">T-555-97 Sentencia T-555\/97 PREVENCION EN TUTELA-Alcance De una advertencia judicial en el sentido de que la persona o autoridad contra la cual se instaur\u00f3 la tutela deje de incurrir en las conductas objeto de reproche no tiene un alcance puramente te\u00f3rico ni puede entenderse como la absoluci\u00f3n del comportamiento del implicado frente a sus obligaciones constitucionales. Por el contrario, quien es reconvenido por el juez de tutela, aunque \u00e9sta no se otorgue en raz\u00f3n de la carencia actual de objeto de la orden, tiene una sentencia judicial en su contra, previo proceso en el cual se ha demostrado que por ...<br \/><div class=\"pt-cv-rmwrap\"><a href=\"https:\/\/www.dmsjuridica.com\/buscador_20179478954\/corteconstitucionalcronologico202454587\/t-555-97\/\" class=\"_self pt-cv-readmore btn btn-success\" target=\"_self\">Ver Sentencia Completa...<\/a><\/div><\/div><\/div><\/div>\n<div class=\"col-md-12 col-sm-12 col-xs-12 pt-cv-content-item pt-cv-1-col\" ><div class='pt-cv-ifield'><a href=\"https:\/\/www.dmsjuridica.com\/buscador_20179478954\/corteconstitucionalcronologico202454587\/t-554-97\/\" class=\"_self pt-cv-href-thumbnail pt-cv-thumb-default\" target=\"_self\" ><\/a>\n<div class=\"pt-cv-taxoterm above_title\"><a href='https:\/\/www.dmsjuridica.com\/buscador_20179478954\/corteconstitucionalcronologico202454587\/category\/buscar-en-toda-la-corte\/1997\/tutelas-1997\/' title='Tutelas 1997' class='pt-cv-tax-tutelas-1997'>Tutelas 1997<\/a><\/div>\n<h4 class=\"pt-cv-title\"><a href=\"https:\/\/www.dmsjuridica.com\/buscador_20179478954\/corteconstitucionalcronologico202454587\/t-554-97\/\" class=\"_self\" target=\"_self\" >T 554 97<\/a><\/h4>\n<div class=\"pt-cv-content\">T-554-97 Sentencia T-554\/97 ACCION DE TUTELA-Procedencia excepcional pago de acreencias laborales Reitera la Corte que la acci\u00f3n de tutela, merced a su naturaleza subsidiaria y al objeto que le es propio -ligado exclusivamente a la protecci\u00f3n efectiva de los derechos fundamentales-, no puede ser utilizada, en principio, para obtener de manera directa y como prop\u00f3sito principal el pago de sumas de dinero provenientes de prestaciones o indemnizaciones causadas en el curso de una relaci\u00f3n laboral. En lo que concierne al campo laboral, la existencia de acciones y procesos ordinarios estimados aptos para resolver conflictos econ\u00f3micos derivados del v\u00ednculo de trabajo ...<br \/><div class=\"pt-cv-rmwrap\"><a href=\"https:\/\/www.dmsjuridica.com\/buscador_20179478954\/corteconstitucionalcronologico202454587\/t-554-97\/\" class=\"_self pt-cv-readmore btn btn-success\" target=\"_self\">Ver Sentencia Completa...<\/a><\/div><\/div><\/div><\/div>\n<div class=\"col-md-12 col-sm-12 col-xs-12 pt-cv-content-item pt-cv-1-col\" ><div class='pt-cv-ifield'><a href=\"https:\/\/www.dmsjuridica.com\/buscador_20179478954\/corteconstitucionalcronologico202454587\/t-553-97\/\" class=\"_self pt-cv-href-thumbnail pt-cv-thumb-default\" target=\"_self\" ><\/a>\n<div class=\"pt-cv-taxoterm above_title\"><a href='https:\/\/www.dmsjuridica.com\/buscador_20179478954\/corteconstitucionalcronologico202454587\/category\/buscar-en-toda-la-corte\/1997\/tutelas-1997\/' title='Tutelas 1997' class='pt-cv-tax-tutelas-1997'>Tutelas 1997<\/a><\/div>\n<h4 class=\"pt-cv-title\"><a href=\"https:\/\/www.dmsjuridica.com\/buscador_20179478954\/corteconstitucionalcronologico202454587\/t-553-97\/\" class=\"_self\" target=\"_self\" >T 553 97<\/a><\/h4>\n<div class=\"pt-cv-content\">T-553-97 Sentencia T-553\/97 JUEZ DE TUTELA-Incompetencia general sobre interpretaci\u00f3n de norma legal o reglamentaria\/ACCION DE TUTELA-Procedencia excepcional sobre interpretaci\u00f3n de norma legal o reglamentaria Esta Corporaci\u00f3n ha considerado que los conflictos que surgen en torno a la interpretaci\u00f3n de normas de car\u00e1cter legal o reglamentario, son, en principio, asuntos de orden legal que compete resolver a los jueces ordinarios o contencioso administrativos y escapan, por consiguiente, de la competencia del juez de tutela. Sin embargo, excepcionalmente dichos conflictos adquieren relevancia constitucional y, por ende, pueden ser debatidos en sede de tutela, cuando los derechos fundamentales de los destinatarios de la ...<br \/><div class=\"pt-cv-rmwrap\"><a href=\"https:\/\/www.dmsjuridica.com\/buscador_20179478954\/corteconstitucionalcronologico202454587\/t-553-97\/\" class=\"_self pt-cv-readmore btn btn-success\" target=\"_self\">Ver Sentencia Completa...<\/a><\/div><\/div><\/div><\/div>\n<div class=\"col-md-12 col-sm-12 col-xs-12 pt-cv-content-item pt-cv-1-col\" ><div class='pt-cv-ifield'><a href=\"https:\/\/www.dmsjuridica.com\/buscador_20179478954\/corteconstitucionalcronologico202454587\/t-552-97\/\" class=\"_self pt-cv-href-thumbnail pt-cv-thumb-default\" target=\"_self\" ><\/a>\n<div class=\"pt-cv-taxoterm above_title\"><a href='https:\/\/www.dmsjuridica.com\/buscador_20179478954\/corteconstitucionalcronologico202454587\/category\/buscar-en-toda-la-corte\/1997\/tutelas-1997\/' title='Tutelas 1997' class='pt-cv-tax-tutelas-1997'>Tutelas 1997<\/a><\/div>\n<h4 class=\"pt-cv-title\"><a href=\"https:\/\/www.dmsjuridica.com\/buscador_20179478954\/corteconstitucionalcronologico202454587\/t-552-97\/\" class=\"_self\" target=\"_self\" >T 552 97<\/a><\/h4>\n<div class=\"pt-cv-content\">T-552-97 Expediente T-122.430 y acumulados Sentencia T-552\/97 DERECHO A LA INTIMIDAD PERSONAL Y FAMILIAR-Disponibilidad El derecho a la intimidad es un derecho disponible. Ciertas personas, seg\u00fan su criterio, pueden hacer p\u00fablicas conductas que otros optar\u00edan por mantener reservadas. As\u00ed mismo, en el desarrollo de la vida corriente, las personas se ven impelidas a sacrificar parte de su intimidad como consecuencia de las relaciones interpersonales que las involucran. En otros casos, son razones de orden social o de inter\u00e9s general o, incluso, de concurrencia con otros derechos como el de la libertad de informaci\u00f3n o expresi\u00f3n, las que imponen sacrificios a ...<br \/><div class=\"pt-cv-rmwrap\"><a href=\"https:\/\/www.dmsjuridica.com\/buscador_20179478954\/corteconstitucionalcronologico202454587\/t-552-97\/\" class=\"_self pt-cv-readmore btn btn-success\" target=\"_self\">Ver Sentencia Completa...<\/a><\/div><\/div><\/div><\/div>\n<div class=\"col-md-12 col-sm-12 col-xs-12 pt-cv-content-item pt-cv-1-col\" ><div class='pt-cv-ifield'><a href=\"https:\/\/www.dmsjuridica.com\/buscador_20179478954\/corteconstitucionalcronologico202454587\/t-546-97\/\" class=\"_self pt-cv-href-thumbnail pt-cv-thumb-default\" target=\"_self\" ><\/a>\n<div class=\"pt-cv-taxoterm above_title\"><a href='https:\/\/www.dmsjuridica.com\/buscador_20179478954\/corteconstitucionalcronologico202454587\/category\/buscar-en-toda-la-corte\/1997\/tutelas-1997\/' title='Tutelas 1997' class='pt-cv-tax-tutelas-1997'>Tutelas 1997<\/a><\/div>\n<h4 class=\"pt-cv-title\"><a href=\"https:\/\/www.dmsjuridica.com\/buscador_20179478954\/corteconstitucionalcronologico202454587\/t-546-97\/\" class=\"_self\" target=\"_self\" >T 546 97<\/a><\/h4>\n<div class=\"pt-cv-content\">T-546-97 Expediente T-122.430 y acumulados Sentencia T- 546 \/ 97 DERECHO A LA SALUD-Tr\u00e1mites para consecuci\u00f3n de pr\u00f3tesis\/DERECHO A LA VIDA-Diligencias para intervenci\u00f3n quir\u00fargica Referencia: Expediente No.137353 Demandante: Bernardo Montoya Durango contra el Instituto de Seguros Sociales - Seccional Medell\u00edn. Derechos Invocados: Salud y Seguridad Social. Magistrado Ponente: Dr. Hernando Herrera Vergara Santaf\u00e9 de Bogot\u00e1, D. C. a los veintiocho (28) d\u00edas del mes de octubre de mil novecientos noventa y siete (1997). En desarrollo de sus atribuciones constitucionales y legales, la Sala Sexta de Revisi\u00f3n de Tutelas de la Corte Constitucional, integrada por los Magistrados Hernando Herrera Vergara, Alejandro ...<br \/><div class=\"pt-cv-rmwrap\"><a href=\"https:\/\/www.dmsjuridica.com\/buscador_20179478954\/corteconstitucionalcronologico202454587\/t-546-97\/\" class=\"_self pt-cv-readmore btn btn-success\" target=\"_self\">Ver Sentencia Completa...<\/a><\/div><\/div><\/div><\/div>\n<div class=\"col-md-12 col-sm-12 col-xs-12 pt-cv-content-item pt-cv-1-col\" ><div class='pt-cv-ifield'><a href=\"https:\/\/www.dmsjuridica.com\/buscador_20179478954\/corteconstitucionalcronologico202454587\/t-545-97\/\" class=\"_self pt-cv-href-thumbnail pt-cv-thumb-default\" target=\"_self\" ><\/a>\n<div class=\"pt-cv-taxoterm above_title\"><a href='https:\/\/www.dmsjuridica.com\/buscador_20179478954\/corteconstitucionalcronologico202454587\/category\/buscar-en-toda-la-corte\/1997\/tutelas-1997\/' title='Tutelas 1997' class='pt-cv-tax-tutelas-1997'>Tutelas 1997<\/a><\/div>\n<h4 class=\"pt-cv-title\"><a href=\"https:\/\/www.dmsjuridica.com\/buscador_20179478954\/corteconstitucionalcronologico202454587\/t-545-97\/\" class=\"_self\" target=\"_self\" >T 545 97<\/a><\/h4>\n<div class=\"pt-cv-content\">T-545-97 Sentencia T- 545 \/97 DERECHO DE PETICION-Car\u00e1cter excepcional de aplazamiento de respuesta Referencia: Expediente T-137318 Acci\u00f3n de tutela incoada por Aminta Baron De Mujica contra la Caja Nacional de Previsi\u00f3n Social. Magistrado Ponente: Dr. Hernando Herrera Vergara. Sentencia aprobada en Santa Fe de Bogot\u00e1, D.C., a los veintiocho (28) d\u00edas del mes de octubre de mil novecientos noventa y siete (1997). Se revisa la sentencia proferida el 25 de junio de 1997 por el Juzgado Cincuenta y Cuatro (54) Civil Municipal de Santaf\u00e9 de Bogot\u00e1, al resolver sobre el asunto de la referencia. I. ANTECEDENTES Y DECISI\u00d3N QUE SE ...<br \/><div class=\"pt-cv-rmwrap\"><a href=\"https:\/\/www.dmsjuridica.com\/buscador_20179478954\/corteconstitucionalcronologico202454587\/t-545-97\/\" class=\"_self pt-cv-readmore btn btn-success\" target=\"_self\">Ver Sentencia Completa...<\/a><\/div><\/div><\/div><\/div>\n<div class=\"col-md-12 col-sm-12 col-xs-12 pt-cv-content-item pt-cv-1-col\" ><div class='pt-cv-ifield'><a href=\"https:\/\/www.dmsjuridica.com\/buscador_20179478954\/corteconstitucionalcronologico202454587\/t-544-97\/\" class=\"_self pt-cv-href-thumbnail pt-cv-thumb-default\" target=\"_self\" ><\/a>\n<div class=\"pt-cv-taxoterm above_title\"><a href='https:\/\/www.dmsjuridica.com\/buscador_20179478954\/corteconstitucionalcronologico202454587\/category\/buscar-en-toda-la-corte\/1997\/tutelas-1997\/' title='Tutelas 1997' class='pt-cv-tax-tutelas-1997'>Tutelas 1997<\/a><\/div>\n<h4 class=\"pt-cv-title\"><a href=\"https:\/\/www.dmsjuridica.com\/buscador_20179478954\/corteconstitucionalcronologico202454587\/t-544-97\/\" class=\"_self\" target=\"_self\" >T 544 97<\/a><\/h4>\n<div class=\"pt-cv-content\">T-544-97 Sentencia T- 544 \/97 DERECHO DE PETICION-Car\u00e1cter excepcional de aplazamiento de respuesta Referencia: Expediente T-134833 Acci\u00f3n de tutela incoada por Clara Ines Monsalve Barreneche Y Otros contra la Caja Nacional de Previsi\u00f3n Social. Magistrado Ponente: Dr. Hernando Herrera Vergara. Sentencia aprobada en Santa Fe de Bogot\u00e1, D.C., a los veintiocho (28) d\u00edas del mes de octubre de mil novecientos noventa y siete (1997). Revisa la Sala los fallos proferidos en el asunto de la referencia por la Secci\u00f3n Segunda del Tribunal Administrativo de Cundinamarca y la Sala de lo Contencioso Administrativo del Consejo de Estado. I. ANTECEDENTES Actuando mediante ...<br \/><div class=\"pt-cv-rmwrap\"><a href=\"https:\/\/www.dmsjuridica.com\/buscador_20179478954\/corteconstitucionalcronologico202454587\/t-544-97\/\" class=\"_self pt-cv-readmore btn btn-success\" target=\"_self\">Ver Sentencia Completa...<\/a><\/div><\/div><\/div><\/div>\n<div class=\"col-md-12 col-sm-12 col-xs-12 pt-cv-content-item pt-cv-1-col\" ><div class='pt-cv-ifield'><a href=\"https:\/\/www.dmsjuridica.com\/buscador_20179478954\/corteconstitucionalcronologico202454587\/t-543-97\/\" class=\"_self pt-cv-href-thumbnail pt-cv-thumb-default\" target=\"_self\" ><\/a>\n<div class=\"pt-cv-taxoterm above_title\"><a href='https:\/\/www.dmsjuridica.com\/buscador_20179478954\/corteconstitucionalcronologico202454587\/category\/buscar-en-toda-la-corte\/1997\/tutelas-1997\/' title='Tutelas 1997' class='pt-cv-tax-tutelas-1997'>Tutelas 1997<\/a><\/div>\n<h4 class=\"pt-cv-title\"><a href=\"https:\/\/www.dmsjuridica.com\/buscador_20179478954\/corteconstitucionalcronologico202454587\/t-543-97\/\" class=\"_self\" target=\"_self\" >T 543 97<\/a><\/h4>\n<div class=\"pt-cv-content\">T-543-97 Sentencia T- 543 \/97 DERECHO A LA EDUCACION-Fundamental La Carta Pol\u00edtica instituy\u00f3 como derecho fundamental el de la educaci\u00f3n, siendo \u00e9ste, un derecho de responsabilidad del Estado, la comunidad y la familia. En este sentido, la educaci\u00f3n deber\u00e1 cumplir una misi\u00f3n primordial cual es la de dar los medios necesarios para acceder al conocimiento, de acuerdo con unos niveles de calidad que propenda por una mejor formaci\u00f3n moral, intelectual y f\u00edsica de los educandos. DERECHO A LA EDUCACION-Funci\u00f3n del Estado La funci\u00f3n del Estado, a parte de proveer educaci\u00f3n a trav\u00e9s de las instituciones p\u00fablicas de nivel b\u00e1sico, intermedio ...<br \/><div class=\"pt-cv-rmwrap\"><a href=\"https:\/\/www.dmsjuridica.com\/buscador_20179478954\/corteconstitucionalcronologico202454587\/t-543-97\/\" class=\"_self pt-cv-readmore btn btn-success\" target=\"_self\">Ver Sentencia Completa...<\/a><\/div><\/div><\/div><\/div>\n<div class=\"col-md-12 col-sm-12 col-xs-12 pt-cv-content-item pt-cv-1-col\" ><div class='pt-cv-ifield'><a href=\"https:\/\/www.dmsjuridica.com\/buscador_20179478954\/corteconstitucionalcronologico202454587\/t-534-97\/\" class=\"_self pt-cv-href-thumbnail pt-cv-thumb-default\" target=\"_self\" ><\/a>\n<div class=\"pt-cv-taxoterm above_title\"><a href='https:\/\/www.dmsjuridica.com\/buscador_20179478954\/corteconstitucionalcronologico202454587\/category\/buscar-en-toda-la-corte\/1997\/tutelas-1997\/' title='Tutelas 1997' class='pt-cv-tax-tutelas-1997'>Tutelas 1997<\/a><\/div>\n<h4 class=\"pt-cv-title\"><a href=\"https:\/\/www.dmsjuridica.com\/buscador_20179478954\/corteconstitucionalcronologico202454587\/t-534-97\/\" class=\"_self\" target=\"_self\" >T 534 97<\/a><\/h4>\n<div class=\"pt-cv-content\">T-534-97 Sentencia T-534\/97 DERECHO A LA EDUCACION-Garant\u00eda estatal de acceso La educaci\u00f3n es una de las herramientas elementales con que cuenta el ser humano para lograr su proyecci\u00f3n en la sociedad, al tiempo que le facilita la realizaci\u00f3n de derechos esenciales. Por esta raz\u00f3n, el Estado est\u00e1 obligado a otorgar las garant\u00edas necesarias para que cada persona tenga derecho a acceder a un establecimiento educativo, y de no ser posible, a un sistema que le permita una adecuada formaci\u00f3n. DERECHO A LA EDUCACION-Obligatoria prestaci\u00f3n hasta los dieciocho a\u00f1os El art\u00edculo 44 de la Constituci\u00f3n establece como un derecho fundamental de ...<br \/><div class=\"pt-cv-rmwrap\"><a href=\"https:\/\/www.dmsjuridica.com\/buscador_20179478954\/corteconstitucionalcronologico202454587\/t-534-97\/\" class=\"_self pt-cv-readmore btn btn-success\" target=\"_self\">Ver Sentencia Completa...<\/a><\/div><\/div><\/div><\/div>\n<div class=\"col-md-12 col-sm-12 col-xs-12 pt-cv-content-item pt-cv-1-col\" ><div class='pt-cv-ifield'><a href=\"https:\/\/www.dmsjuridica.com\/buscador_20179478954\/corteconstitucionalcronologico202454587\/t-533-97\/\" class=\"_self pt-cv-href-thumbnail pt-cv-thumb-default\" target=\"_self\" ><\/a>\n<div class=\"pt-cv-taxoterm above_title\"><a href='https:\/\/www.dmsjuridica.com\/buscador_20179478954\/corteconstitucionalcronologico202454587\/category\/buscar-en-toda-la-corte\/1997\/tutelas-1997\/' title='Tutelas 1997' class='pt-cv-tax-tutelas-1997'>Tutelas 1997<\/a><\/div>\n<h4 class=\"pt-cv-title\"><a href=\"https:\/\/www.dmsjuridica.com\/buscador_20179478954\/corteconstitucionalcronologico202454587\/t-533-97\/\" class=\"_self\" target=\"_self\" >T 533 97<\/a><\/h4>\n<div class=\"pt-cv-content\">T-533-97 Sentencia T-533\/97 ACCION DE TUTELA-Hecho superado en conflicto positivo de competencia ACCION DE TUTELA CONTRA PROVIDENCIAS JUDICIALES-Procedencia excepcional VIA DE HECHO-No tr\u00e1mite de colisi\u00f3n positiva de competencia SALA DISCIPLINARIA DEL CONSEJO SUPERIOR DE LA JUDICATURA-Dirime conflicto de competencia entre justicia ordinaria y la militar Referencia.: Expediente T-136.833 Peticionario: Hernando Navas Rubio Procedencia: Corte Suprema de Justicia -Sala de Casaci\u00f3n Penal- Temas: Hecho superado. Los conflictos de competencia, entre la justicia ordinaria y la militar, deben ser dirimidos por el Consejo Superior de la Judicatura -Sala Jurisdiccional Disciplinaria-. V\u00eda de Hecho. Magistrado Ponente: Dr. Vladimiro Naranjo Mesa Santa Fe de ...<br \/><div class=\"pt-cv-rmwrap\"><a href=\"https:\/\/www.dmsjuridica.com\/buscador_20179478954\/corteconstitucionalcronologico202454587\/t-533-97\/\" class=\"_self pt-cv-readmore btn btn-success\" target=\"_self\">Ver Sentencia Completa...<\/a><\/div><\/div><\/div><\/div>\n<div class=\"col-md-12 col-sm-12 col-xs-12 pt-cv-content-item pt-cv-1-col\" ><div class='pt-cv-ifield'><a href=\"https:\/\/www.dmsjuridica.com\/buscador_20179478954\/corteconstitucionalcronologico202454587\/t-532-97\/\" class=\"_self pt-cv-href-thumbnail pt-cv-thumb-default\" target=\"_self\" ><\/a>\n<div class=\"pt-cv-taxoterm above_title\"><a href='https:\/\/www.dmsjuridica.com\/buscador_20179478954\/corteconstitucionalcronologico202454587\/category\/buscar-en-toda-la-corte\/1997\/tutelas-1997\/' title='Tutelas 1997' class='pt-cv-tax-tutelas-1997'>Tutelas 1997<\/a><\/div>\n<h4 class=\"pt-cv-title\"><a href=\"https:\/\/www.dmsjuridica.com\/buscador_20179478954\/corteconstitucionalcronologico202454587\/t-532-97\/\" class=\"_self\" target=\"_self\" >T 532 97<\/a><\/h4>\n<div class=\"pt-cv-content\">T-532-97 Sentencia T-532\/97 ACCION DE TUTELA-Situaci\u00f3n concreta que implique amenaza de derechos fundamentales La acci\u00f3n de tutela es un instrumento espec\u00edfico y directo de protecci\u00f3n de los derechos constitucionales fundamentales, frente a vulneraciones o a amenazas de violaci\u00f3n provenientes de las autoridades p\u00fablicas o de los particulares en los casos que la ley prev\u00e9. Quien pretenda beneficiarse del amparo brindado por el mecanismo establecido en la Constituci\u00f3n Pol\u00edtica, debe presentar ante el juez una situaci\u00f3n concreta que, efectivamente, implique la conculcaci\u00f3n a la amenaza de derechos que tengan la categor\u00eda de fundamentales. ACCION DE TUTELA-Improcedencia para pago de honorarios a ...<br \/><div class=\"pt-cv-rmwrap\"><a href=\"https:\/\/www.dmsjuridica.com\/buscador_20179478954\/corteconstitucionalcronologico202454587\/t-532-97\/\" class=\"_self pt-cv-readmore btn btn-success\" target=\"_self\">Ver Sentencia Completa...<\/a><\/div><\/div><\/div><\/div>\n<div class=\"col-md-12 col-sm-12 col-xs-12 pt-cv-content-item pt-cv-1-col\" ><div class='pt-cv-ifield'><a href=\"https:\/\/www.dmsjuridica.com\/buscador_20179478954\/corteconstitucionalcronologico202454587\/t-531-97\/\" class=\"_self pt-cv-href-thumbnail pt-cv-thumb-default\" target=\"_self\" ><\/a>\n<div class=\"pt-cv-taxoterm above_title\"><a href='https:\/\/www.dmsjuridica.com\/buscador_20179478954\/corteconstitucionalcronologico202454587\/category\/buscar-en-toda-la-corte\/1997\/tutelas-1997\/' title='Tutelas 1997' class='pt-cv-tax-tutelas-1997'>Tutelas 1997<\/a><\/div>\n<h4 class=\"pt-cv-title\"><a href=\"https:\/\/www.dmsjuridica.com\/buscador_20179478954\/corteconstitucionalcronologico202454587\/t-531-97\/\" class=\"_self\" target=\"_self\" >T 531 97<\/a><\/h4>\n<div class=\"pt-cv-content\">T-531-97 Sentencia T-531\/97 DEBIDO PROCESO POLICIVO-Competencia para decretar statu quo por tr\u00e1nsito sobre predio\/DEBIDO PROCESO POLICIVO-Usurpaci\u00f3n competencias de justicia ordinaria sobre controversias de servidumbres Las autoridades de polic\u00eda, que expidieron las providencias que se cuestionan, se equivocaron al no pronunciarse sobre la situaci\u00f3n de hecho o material, que revelaba presumiblemente la existencia de una facultad en cabeza del autor para transitar por el predio, en el sentido de decretar un statu quo, es decir, que las cosas permanecieran inalterables a como ven\u00edan sucediendo antes de promoverse las querellas. Este era el \u00e1mbito propio de la competencia de las autoridades de ...<br \/><div class=\"pt-cv-rmwrap\"><a href=\"https:\/\/www.dmsjuridica.com\/buscador_20179478954\/corteconstitucionalcronologico202454587\/t-531-97\/\" class=\"_self pt-cv-readmore btn btn-success\" target=\"_self\">Ver Sentencia Completa...<\/a><\/div><\/div><\/div><\/div>\n<div class=\"col-md-12 col-sm-12 col-xs-12 pt-cv-content-item pt-cv-1-col\" ><div class='pt-cv-ifield'><a href=\"https:\/\/www.dmsjuridica.com\/buscador_20179478954\/corteconstitucionalcronologico202454587\/t-530-97\/\" class=\"_self pt-cv-href-thumbnail pt-cv-thumb-default\" target=\"_self\" ><\/a>\n<div class=\"pt-cv-taxoterm above_title\"><a href='https:\/\/www.dmsjuridica.com\/buscador_20179478954\/corteconstitucionalcronologico202454587\/category\/buscar-en-toda-la-corte\/1997\/tutelas-1997\/' title='Tutelas 1997' class='pt-cv-tax-tutelas-1997'>Tutelas 1997<\/a><\/div>\n<h4 class=\"pt-cv-title\"><a href=\"https:\/\/www.dmsjuridica.com\/buscador_20179478954\/corteconstitucionalcronologico202454587\/t-530-97\/\" class=\"_self\" target=\"_self\" >T 530 97<\/a><\/h4>\n<div class=\"pt-cv-content\">T-530-97 Sentencia T-530\/97 DERECHOS COLECTIVOS-Uso del espacio p\u00fablico\/ACCION DE TUTELA-Utilizaci\u00f3n del espacio p\u00fablico puede afectar derechos fundamentales En cuanto a la utilizaci\u00f3n del espacio p\u00fablico, no es cierto que su utilizaci\u00f3n constituya un derecho constitucional fundamental, pues su ubicaci\u00f3n dentro del cuerpo de la Carta Pol\u00edtica, la relaci\u00f3n que guarda con el inter\u00e9s general y el hecho de no ajustarse a ninguno de los criterios establecidos por la jurisprudencia constitucional para tenerlo por fundamental, claramente sugieren la idea de que se trata de un derecho constitucional colectivo y del ambiente, que se desprende de la obligaci\u00f3n del Estado colombiano de ...<br \/><div class=\"pt-cv-rmwrap\"><a href=\"https:\/\/www.dmsjuridica.com\/buscador_20179478954\/corteconstitucionalcronologico202454587\/t-530-97\/\" class=\"_self pt-cv-readmore btn btn-success\" target=\"_self\">Ver Sentencia Completa...<\/a><\/div><\/div><\/div><\/div>\n<div class=\"col-md-12 col-sm-12 col-xs-12 pt-cv-content-item pt-cv-1-col\" ><div class='pt-cv-ifield'><a href=\"https:\/\/www.dmsjuridica.com\/buscador_20179478954\/corteconstitucionalcronologico202454587\/t-529-97\/\" class=\"_self pt-cv-href-thumbnail pt-cv-thumb-default\" target=\"_self\" ><\/a>\n<div class=\"pt-cv-taxoterm above_title\"><a href='https:\/\/www.dmsjuridica.com\/buscador_20179478954\/corteconstitucionalcronologico202454587\/category\/buscar-en-toda-la-corte\/1997\/tutelas-1997\/' title='Tutelas 1997' class='pt-cv-tax-tutelas-1997'>Tutelas 1997<\/a><\/div>\n<h4 class=\"pt-cv-title\"><a href=\"https:\/\/www.dmsjuridica.com\/buscador_20179478954\/corteconstitucionalcronologico202454587\/t-529-97\/\" class=\"_self\" target=\"_self\" >T 529 97<\/a><\/h4>\n<div class=\"pt-cv-content\">T-529-97 Sentencia T-529\/97 ACCION DE TUTELA CONTRA PARTICULARES-Relaci\u00f3n contractual\/SUBORDINACION-Relaci\u00f3n contractual DERECHO AL TRABAJO EN CONDICIONES DIGNAS Y JUSTAS-Suspensi\u00f3n pago del salario ACCION DE TUTELA-Procedencia excepcional pago de acreencias laborales MEDIO DE DEFENSA JUDICIAL INEFICAZ-Procedencia de tutela La eficacia de la tutela se eval\u00faa, no en el evento en que no exista otro medio de defensa judicial, sino, precisamente cuando existe y con este otro medio se hace nugatoria la protecci\u00f3n inmediata de los derechos fundamentales. Por tanto, en la evaluaci\u00f3n del mecanismo alterno de defensa debe aplicarse el criterio adoptado por la Corte, traducido en que cuando en el tr\u00e1mite ...<br \/><div class=\"pt-cv-rmwrap\"><a href=\"https:\/\/www.dmsjuridica.com\/buscador_20179478954\/corteconstitucionalcronologico202454587\/t-529-97\/\" class=\"_self pt-cv-readmore btn btn-success\" target=\"_self\">Ver Sentencia Completa...<\/a><\/div><\/div><\/div><\/div>\n<div class=\"col-md-12 col-sm-12 col-xs-12 pt-cv-content-item pt-cv-1-col\" ><div class='pt-cv-ifield'><a href=\"https:\/\/www.dmsjuridica.com\/buscador_20179478954\/corteconstitucionalcronologico202454587\/t-528-97\/\" class=\"_self pt-cv-href-thumbnail pt-cv-thumb-default\" target=\"_self\" ><\/a>\n<div class=\"pt-cv-taxoterm above_title\"><a href='https:\/\/www.dmsjuridica.com\/buscador_20179478954\/corteconstitucionalcronologico202454587\/category\/buscar-en-toda-la-corte\/1997\/tutelas-1997\/' title='Tutelas 1997' class='pt-cv-tax-tutelas-1997'>Tutelas 1997<\/a><\/div>\n<h4 class=\"pt-cv-title\"><a href=\"https:\/\/www.dmsjuridica.com\/buscador_20179478954\/corteconstitucionalcronologico202454587\/t-528-97\/\" class=\"_self\" target=\"_self\" >T 528 97<\/a><\/h4>\n<div class=\"pt-cv-content\">T-528-97 Sentencia T- 528 \/97 La seguridad social como derecho constitucional, adquiere su connotaci\u00f3n de fundamental cuando ata\u00f1e a las personas de la tercera edad y aquellas personas cuya debilidad es manifiesta. De esta manera cuando una entidad, p\u00fablica o particular tiene a su cargo la prestaci\u00f3n de la seguridad social, su incumplimiento acarrea un grave perjuicio. Y es como consecuencia de esa protecci\u00f3n especial que dichas personas requieren, que dicho derecho a la seguridad social adquiere su condici\u00f3n de derecho fundamental, pues de su incumplimiento, violaci\u00f3n o vulneraci\u00f3n se colocan en peligro otros derechos fundamentales como la vida, la ...<br \/><div class=\"pt-cv-rmwrap\"><a href=\"https:\/\/www.dmsjuridica.com\/buscador_20179478954\/corteconstitucionalcronologico202454587\/t-528-97\/\" class=\"_self pt-cv-readmore btn btn-success\" target=\"_self\">Ver Sentencia Completa...<\/a><\/div><\/div><\/div><\/div>\n<div class=\"col-md-12 col-sm-12 col-xs-12 pt-cv-content-item pt-cv-1-col\" ><div class='pt-cv-ifield'><a href=\"https:\/\/www.dmsjuridica.com\/buscador_20179478954\/corteconstitucionalcronologico202454587\/t-527-97\/\" class=\"_self pt-cv-href-thumbnail pt-cv-thumb-default\" target=\"_self\" ><\/a>\n<div class=\"pt-cv-taxoterm above_title\"><a href='https:\/\/www.dmsjuridica.com\/buscador_20179478954\/corteconstitucionalcronologico202454587\/category\/buscar-en-toda-la-corte\/1997\/tutelas-1997\/' title='Tutelas 1997' class='pt-cv-tax-tutelas-1997'>Tutelas 1997<\/a><\/div>\n<h4 class=\"pt-cv-title\"><a href=\"https:\/\/www.dmsjuridica.com\/buscador_20179478954\/corteconstitucionalcronologico202454587\/t-527-97\/\" class=\"_self\" target=\"_self\" >T 527 97<\/a><\/h4>\n<div class=\"pt-cv-content\">T-527-97 Sentencia T- 527 \/97 DERECHO AL TRABAJO EN CONDICIONES DIGNAS Y JUSTAS-Pago oportuno de salarios\/EMPLEADOR-Pago oportuno de salario El derecho al trabajo, como actividad econ\u00f3micamente productiva, tiene una especial protecci\u00f3n por parte del Estado y a nivel constitucional es considerado como un derecho de car\u00e1cter fundamental. Este derecho surge como la libertad de escoger profesi\u00f3n u oficio, y a que toda persona tenga la posibilidad de trabajar en condiciones dignas y justas. Y, es con base en dichas condiciones de dignidad y justicia a que hace menci\u00f3n la Carta Pol\u00edtica, que toda persona tiene derecho a recibir por la ...<br \/><div class=\"pt-cv-rmwrap\"><a href=\"https:\/\/www.dmsjuridica.com\/buscador_20179478954\/corteconstitucionalcronologico202454587\/t-527-97\/\" class=\"_self pt-cv-readmore btn btn-success\" target=\"_self\">Ver Sentencia Completa...<\/a><\/div><\/div><\/div><\/div>\n<div class=\"col-md-12 col-sm-12 col-xs-12 pt-cv-content-item pt-cv-1-col\" ><div class='pt-cv-ifield'><a href=\"https:\/\/www.dmsjuridica.com\/buscador_20179478954\/corteconstitucionalcronologico202454587\/t-526-97\/\" class=\"_self pt-cv-href-thumbnail pt-cv-thumb-default\" target=\"_self\" ><\/a>\n<div class=\"pt-cv-taxoterm above_title\"><a href='https:\/\/www.dmsjuridica.com\/buscador_20179478954\/corteconstitucionalcronologico202454587\/category\/buscar-en-toda-la-corte\/1997\/tutelas-1997\/' title='Tutelas 1997' class='pt-cv-tax-tutelas-1997'>Tutelas 1997<\/a><\/div>\n<h4 class=\"pt-cv-title\"><a href=\"https:\/\/www.dmsjuridica.com\/buscador_20179478954\/corteconstitucionalcronologico202454587\/t-526-97\/\" class=\"_self\" target=\"_self\" >T 526 97<\/a><\/h4>\n<div class=\"pt-cv-content\">T-526-97 Sentencia T-526\/97 ESTABLECIMIENTO EDUCATIVO-Instalaciones inadecuadas Cualquier alteraci\u00f3n que se presente en la prestaci\u00f3n del servicio p\u00fablico de educaci\u00f3n, y a\u00fan m\u00e1s cuando dichas alteraciones se presentan en una instituci\u00f3n p\u00fablica, es evidente que vulnera el derecho a la educaci\u00f3n, pues pudi\u00e9ndose tomar las medidas pertinentes para evitar dichas alteraciones en el servicio, no se asume la responsabilidad de ello, vulnerando el derecho que le asiste a los educandos, de asistir de manera regular a esa instituci\u00f3n y tambi\u00e9n poniendo en peligro su salud, y la vida misma. Las instalaciones destinadas a la prestaciones de este tipo de servicio, deben ...<br \/><div class=\"pt-cv-rmwrap\"><a href=\"https:\/\/www.dmsjuridica.com\/buscador_20179478954\/corteconstitucionalcronologico202454587\/t-526-97\/\" class=\"_self pt-cv-readmore btn btn-success\" target=\"_self\">Ver Sentencia Completa...<\/a><\/div><\/div><\/div><\/div>\n<div class=\"col-md-12 col-sm-12 col-xs-12 pt-cv-content-item pt-cv-1-col\" ><div class='pt-cv-ifield'><a href=\"https:\/\/www.dmsjuridica.com\/buscador_20179478954\/corteconstitucionalcronologico202454587\/t-525-97\/\" class=\"_self pt-cv-href-thumbnail pt-cv-thumb-default\" target=\"_self\" ><\/a>\n<div class=\"pt-cv-taxoterm above_title\"><a href='https:\/\/www.dmsjuridica.com\/buscador_20179478954\/corteconstitucionalcronologico202454587\/category\/buscar-en-toda-la-corte\/1997\/tutelas-1997\/' title='Tutelas 1997' class='pt-cv-tax-tutelas-1997'>Tutelas 1997<\/a><\/div>\n<h4 class=\"pt-cv-title\"><a href=\"https:\/\/www.dmsjuridica.com\/buscador_20179478954\/corteconstitucionalcronologico202454587\/t-525-97\/\" class=\"_self\" target=\"_self\" >T 525 97<\/a><\/h4>\n<div class=\"pt-cv-content\">T-525-97 SENTENCIA T-525\/97 PROCESO DE RESPONSABILIDAD FISCAL-Observancia de garant\u00edas fundamentales y debido proceso CONTRALORIA GENERAL DE LA REPUBLICA-Alcance del control posterior DEBIDO PROCESO DE RESPONSABILIDAD FISCAL-Investigaciones paralelas\/PRINCIPIO NON BIS IN IDEM-Investigaciones fiscales paralelas Al prescribir el art\u00edculo 267 que la Contralor\u00eda General de la Rep\u00fablica puede ejercer el control posterior sobre cuentas de cualquier entidad territorial de manera excepcional y en los casos previstos por la ley, y al autorizar \u00e9sta al organismo fiscal de car\u00e1cter nacional para proceder de conformidad, a solicitud de la mitad mas uno de los miembros de las corporaciones territoriales, quiere decir lo anterior que ...<br \/><div class=\"pt-cv-rmwrap\"><a href=\"https:\/\/www.dmsjuridica.com\/buscador_20179478954\/corteconstitucionalcronologico202454587\/t-525-97\/\" class=\"_self pt-cv-readmore btn btn-success\" target=\"_self\">Ver Sentencia Completa...<\/a><\/div><\/div><\/div><\/div>\n<div class=\"col-md-12 col-sm-12 col-xs-12 pt-cv-content-item pt-cv-1-col\" ><div class='pt-cv-ifield'><a href=\"https:\/\/www.dmsjuridica.com\/buscador_20179478954\/corteconstitucionalcronologico202454587\/t-524-97\/\" class=\"_self pt-cv-href-thumbnail pt-cv-thumb-default\" target=\"_self\" ><\/a>\n<div class=\"pt-cv-taxoterm above_title\"><a href='https:\/\/www.dmsjuridica.com\/buscador_20179478954\/corteconstitucionalcronologico202454587\/category\/buscar-en-toda-la-corte\/1997\/tutelas-1997\/' title='Tutelas 1997' class='pt-cv-tax-tutelas-1997'>Tutelas 1997<\/a><\/div>\n<h4 class=\"pt-cv-title\"><a href=\"https:\/\/www.dmsjuridica.com\/buscador_20179478954\/corteconstitucionalcronologico202454587\/t-524-97\/\" class=\"_self\" target=\"_self\" >T 524 97<\/a><\/h4>\n<div class=\"pt-cv-content\">T-524-97 Sentencia No. T-524\/97 CUMPLIMIENTO FALLO DE TUTELA-Corresponde al juez de primera instancia\/TRAMITE DE INCIDENTE DE DESACATO-Procedencia de tutela por v\u00eda de hecho La competencia para decidir sobre el cumplimiento de una sentencia de tutela, corresponde al juez que conoci\u00f3 del proceso en primera instancia y, en contra de la providencia por medio de la cual se resuelve sobre el asunto, s\u00f3lo procede una nueva tutela si ese funcionario incurri\u00f3 en una v\u00eda de hecho al tramitar el incidente correspondiente. DEBIDO PROCESO ADMINISTRATIVO-Orden de restablecerlo no obliga a resolver petici\u00f3n en determinado sentido La orden del juez de tutela orientada ...<br \/><div class=\"pt-cv-rmwrap\"><a href=\"https:\/\/www.dmsjuridica.com\/buscador_20179478954\/corteconstitucionalcronologico202454587\/t-524-97\/\" class=\"_self pt-cv-readmore btn btn-success\" target=\"_self\">Ver Sentencia Completa...<\/a><\/div><\/div><\/div><\/div>\n<div class=\"col-md-12 col-sm-12 col-xs-12 pt-cv-content-item pt-cv-1-col\" ><div class='pt-cv-ifield'><a href=\"https:\/\/www.dmsjuridica.com\/buscador_20179478954\/corteconstitucionalcronologico202454587\/t-523-97\/\" class=\"_self pt-cv-href-thumbnail pt-cv-thumb-default\" target=\"_self\" ><\/a>\n<div class=\"pt-cv-taxoterm above_title\"><a href='https:\/\/www.dmsjuridica.com\/buscador_20179478954\/corteconstitucionalcronologico202454587\/category\/buscar-en-toda-la-corte\/1997\/tutelas-1997\/' title='Tutelas 1997' class='pt-cv-tax-tutelas-1997'>Tutelas 1997<\/a><\/div>\n<h4 class=\"pt-cv-title\"><a href=\"https:\/\/www.dmsjuridica.com\/buscador_20179478954\/corteconstitucionalcronologico202454587\/t-523-97\/\" class=\"_self\" target=\"_self\" >T 523 97<\/a><\/h4>\n<div class=\"pt-cv-content\">T-523-97 Sentencia No. T-523\/97 PRINCIPIO DE DIVERSIDAD ETNICA Y CULTURAL-Reconocimiento constitucional ESTADO-Garant\u00eda de convivencia pac\u00edfica entre grupos culturales distintos\/PRINCIPIO DE DIVERSIDAD ETNICA Y CULTURAL-Garant\u00eda estatal de coexistencia pac\u00edfica entre las formas de ver el mundo El Estado tiene la especial misi\u00f3n de garantizar que todas las formas de ver el mundo puedan coexistir pac\u00edficamente, labor que no deja de ser conflictiva, pues estas concepciones muchas veces son antag\u00f3nicas e incluso incompatibles con los presupuestos que \u00e9l mismo ha elegido para garantizar la convivencia. En especial, son claras las tensiones entre reconocimiento de grupos culturales con tradiciones, pr\u00e1cticas y ordenamientos jur\u00eddicos ...<br \/><div class=\"pt-cv-rmwrap\"><a href=\"https:\/\/www.dmsjuridica.com\/buscador_20179478954\/corteconstitucionalcronologico202454587\/t-523-97\/\" class=\"_self pt-cv-readmore btn btn-success\" target=\"_self\">Ver Sentencia Completa...<\/a><\/div><\/div><\/div><\/div>\n<div class=\"col-md-12 col-sm-12 col-xs-12 pt-cv-content-item pt-cv-1-col\" ><div class='pt-cv-ifield'><a href=\"https:\/\/www.dmsjuridica.com\/buscador_20179478954\/corteconstitucionalcronologico202454587\/t-522-97\/\" class=\"_self pt-cv-href-thumbnail pt-cv-thumb-default\" target=\"_self\" ><\/a>\n<div class=\"pt-cv-taxoterm above_title\"><a href='https:\/\/www.dmsjuridica.com\/buscador_20179478954\/corteconstitucionalcronologico202454587\/category\/buscar-en-toda-la-corte\/1997\/tutelas-1997\/' title='Tutelas 1997' class='pt-cv-tax-tutelas-1997'>Tutelas 1997<\/a><\/div>\n<h4 class=\"pt-cv-title\"><a href=\"https:\/\/www.dmsjuridica.com\/buscador_20179478954\/corteconstitucionalcronologico202454587\/t-522-97\/\" class=\"_self\" target=\"_self\" >T 522 97<\/a><\/h4>\n<div class=\"pt-cv-content\">T-522-97 Sentencia T-522\/97 ACCION DE TUTELA-Hecho superado Referencia: Expedientes acumulados T-122.279, T-129.391, T-130.421, T-134.869, T- 135.416 y T-135.799. Actor: Roberto Ramirez Moreno Y Otros, Lotario Gonzalez Valenzuela, Alejandr\u00edna R\u00edos, Mar\u00eda Del Carmen Bol\u00edvar, Jorge Ernesto Guerrero E Isabel Cardozo Cardozo. Magistrado Ponente: Dr. Eduardo Cifuentes Mu\u00f1oz La Sala Tercera de Revisi\u00f3n de la Corte Constitucional, integrada por los Magistrados Eduardo Cifuentes Mu\u00f1oz, Carlos Gaviria D\u00edaz y Jos\u00e9 Gregorio Hern\u00e1ndez Galindo, ha pronunciado EN NOMBRE DEL PUEBLO Y POR MANDATO DE LA CONSTITUCION la siguiente SENTENCIA En los procesos de tutela n\u00fameros T-122.279, T-129.391, T-130.421, T-134.869, T- 135.416 y T-135.799, promovidos ...<br \/><div class=\"pt-cv-rmwrap\"><a href=\"https:\/\/www.dmsjuridica.com\/buscador_20179478954\/corteconstitucionalcronologico202454587\/t-522-97\/\" class=\"_self pt-cv-readmore btn btn-success\" target=\"_self\">Ver Sentencia Completa...<\/a><\/div><\/div><\/div><\/div>\n<div class=\"col-md-12 col-sm-12 col-xs-12 pt-cv-content-item pt-cv-1-col\" ><div class='pt-cv-ifield'><a href=\"https:\/\/www.dmsjuridica.com\/buscador_20179478954\/corteconstitucionalcronologico202454587\/t-518-97\/\" class=\"_self pt-cv-href-thumbnail pt-cv-thumb-default\" target=\"_self\" ><\/a>\n<div class=\"pt-cv-taxoterm above_title\"><a href='https:\/\/www.dmsjuridica.com\/buscador_20179478954\/corteconstitucionalcronologico202454587\/category\/buscar-en-toda-la-corte\/1997\/tutelas-1997\/' title='Tutelas 1997' class='pt-cv-tax-tutelas-1997'>Tutelas 1997<\/a><\/div>\n<h4 class=\"pt-cv-title\"><a href=\"https:\/\/www.dmsjuridica.com\/buscador_20179478954\/corteconstitucionalcronologico202454587\/t-518-97\/\" class=\"_self\" target=\"_self\" >T 518 97<\/a><\/h4>\n<div class=\"pt-cv-content\">T-518-97 Sentencia T- 518 \/97 INSTITUTO DE SEGUROS SOCIALES-Suministro de medicamentos para el virus del VIH Referencia: Expediente T-136450 Peticionario: Rafael Eduardo Cogollo Magistrado Ponente: Hernando Herrera Vergara Sentencia aprobada en Santa Fe de Bogot\u00e1, D.C., a los catorce (14) d\u00edas del mes de octubre de mil novecientos noventa y siete (1997). Revisa la Sala Sexta de Revisi\u00f3n de la Corte Constitucional los fallos proferidos en el asunto de la referencia por el Juzgado Trece Civil del Circuito de Barranquilla con fecha quince (15) de abril de mil novecientos noventa y siete (1997) y por el Tribunal Superior del Distrito ...<br \/><div class=\"pt-cv-rmwrap\"><a href=\"https:\/\/www.dmsjuridica.com\/buscador_20179478954\/corteconstitucionalcronologico202454587\/t-518-97\/\" class=\"_self pt-cv-readmore btn btn-success\" target=\"_self\">Ver Sentencia Completa...<\/a><\/div><\/div><\/div><\/div>\n<div class=\"col-md-12 col-sm-12 col-xs-12 pt-cv-content-item pt-cv-1-col\" ><div class='pt-cv-ifield'><a href=\"https:\/\/www.dmsjuridica.com\/buscador_20179478954\/corteconstitucionalcronologico202454587\/t-517-97\/\" class=\"_self pt-cv-href-thumbnail pt-cv-thumb-default\" target=\"_self\" ><\/a>\n<div class=\"pt-cv-taxoterm above_title\"><a href='https:\/\/www.dmsjuridica.com\/buscador_20179478954\/corteconstitucionalcronologico202454587\/category\/buscar-en-toda-la-corte\/1997\/tutelas-1997\/' title='Tutelas 1997' class='pt-cv-tax-tutelas-1997'>Tutelas 1997<\/a><\/div>\n<h4 class=\"pt-cv-title\"><a href=\"https:\/\/www.dmsjuridica.com\/buscador_20179478954\/corteconstitucionalcronologico202454587\/t-517-97\/\" class=\"_self\" target=\"_self\" >T 517 97<\/a><\/h4>\n<div class=\"pt-cv-content\">T-517-97 Sentencia T- 517 \/97 ESTABLECIMIENTO EDUCATIVO-Planta f\u00edsica adecuada y s\u00f3lida Referencia: Expediente T-136375 Demandante: Alberto Antonio Foronda Magistrado Ponente: Hernando Herrera Vergara Santa F\u00e9 de Bogot\u00e1 D.C., a los catorce (14) d\u00edas del mes de octubre de mil novecientos noventa y siete (1997). En cumplimiento de lo dispuesto por el art\u00edculo 241 numeral 9\u00b0 de la Constituci\u00f3n Pol\u00edtica, en concordancia con los art\u00edculos 33 y 36 del Decreto 2591 de 1991, el Juzgado Promiscuo Municipal de Heliconia envi\u00f3 a la Corte Constitucional el expediente de la referencia, para los efectos de la revisi\u00f3n constitucional del fallo proferido por ese ...<br \/><div class=\"pt-cv-rmwrap\"><a href=\"https:\/\/www.dmsjuridica.com\/buscador_20179478954\/corteconstitucionalcronologico202454587\/t-517-97\/\" class=\"_self pt-cv-readmore btn btn-success\" target=\"_self\">Ver Sentencia Completa...<\/a><\/div><\/div><\/div><\/div>\n<div class=\"col-md-12 col-sm-12 col-xs-12 pt-cv-content-item pt-cv-1-col\" ><div class='pt-cv-ifield'><a href=\"https:\/\/www.dmsjuridica.com\/buscador_20179478954\/corteconstitucionalcronologico202454587\/t-516-97\/\" class=\"_self pt-cv-href-thumbnail pt-cv-thumb-default\" target=\"_self\" ><\/a>\n<div class=\"pt-cv-taxoterm above_title\"><a href='https:\/\/www.dmsjuridica.com\/buscador_20179478954\/corteconstitucionalcronologico202454587\/category\/buscar-en-toda-la-corte\/1997\/tutelas-1997\/' title='Tutelas 1997' class='pt-cv-tax-tutelas-1997'>Tutelas 1997<\/a><\/div>\n<h4 class=\"pt-cv-title\"><a href=\"https:\/\/www.dmsjuridica.com\/buscador_20179478954\/corteconstitucionalcronologico202454587\/t-516-97\/\" class=\"_self\" target=\"_self\" >T 516 97<\/a><\/h4>\n<div class=\"pt-cv-content\">T-516-97 Sentencia T- 516\/ 97 DERECHO AL TRABAJO EN CONDICIONES DIGNAS Y JUSTAS-Traslado de docente por enfermedad DERECHO A LA SALUD-Diferenciaci\u00f3n positiva para traslado de docente por enfermedad La enfermedad que padece la peticionaria est\u00e1 comprobada plenamente mediante certificaci\u00f3n m\u00e9dica que se anex\u00f3 a la tutela, que demuestra el cuidado que se debe tener as\u00ed como la conveniencia de reposo y de moderaci\u00f3n en los desplazamientos diarios. Lo anterior coloca a la peticionaria en una situaci\u00f3n especial \"racional y razonable\", para que en su favor el Estado realice una diferenciaci\u00f3n en la situaci\u00f3n especial en que se encuentra ella y ...<br \/><div class=\"pt-cv-rmwrap\"><a href=\"https:\/\/www.dmsjuridica.com\/buscador_20179478954\/corteconstitucionalcronologico202454587\/t-516-97\/\" class=\"_self pt-cv-readmore btn btn-success\" target=\"_self\">Ver Sentencia Completa...<\/a><\/div><\/div><\/div><\/div>\n<div class=\"col-md-12 col-sm-12 col-xs-12 pt-cv-content-item pt-cv-1-col\" ><div class='pt-cv-ifield'><a href=\"https:\/\/www.dmsjuridica.com\/buscador_20179478954\/corteconstitucionalcronologico202454587\/t-515-97\/\" class=\"_self pt-cv-href-thumbnail pt-cv-thumb-default\" target=\"_self\" ><\/a>\n<div class=\"pt-cv-taxoterm above_title\"><a href='https:\/\/www.dmsjuridica.com\/buscador_20179478954\/corteconstitucionalcronologico202454587\/category\/buscar-en-toda-la-corte\/1997\/tutelas-1997\/' title='Tutelas 1997' class='pt-cv-tax-tutelas-1997'>Tutelas 1997<\/a><\/div>\n<h4 class=\"pt-cv-title\"><a href=\"https:\/\/www.dmsjuridica.com\/buscador_20179478954\/corteconstitucionalcronologico202454587\/t-515-97\/\" class=\"_self\" target=\"_self\" >T 515 97<\/a><\/h4>\n<div class=\"pt-cv-content\">T-515-97 Sentencia T- 515 \/97 DERECHO DE PETICION-Resoluci\u00f3n pronta y efectiva El derecho de petici\u00f3n como derecho constitucional fundamental no se concreta en presentar peticiones respetuosas a las autoridades, y a obtener de las mismas una pronta respuesta, sino que tambi\u00e9n se hace extensivo a la respuesta pronta y efectiva que se espera de las autoridades, cuando ante ella se ha dado tr\u00e1mite a los recursos administrativos que contra sus actos procedan. Reiteraci\u00f3n de Jurisprudencia Referencia Expediente T-135981 Demandante: Gildardo Mar\u00edn Carvajal Magistrado Ponente: Hernando Herrera Vergara Santa F\u00e9 de Bogot\u00e1 D.C., a los catorce (14) d\u00edas del mes de ...<br \/><div class=\"pt-cv-rmwrap\"><a href=\"https:\/\/www.dmsjuridica.com\/buscador_20179478954\/corteconstitucionalcronologico202454587\/t-515-97\/\" class=\"_self pt-cv-readmore btn btn-success\" target=\"_self\">Ver Sentencia Completa...<\/a><\/div><\/div><\/div><\/div>\n<div class=\"col-md-12 col-sm-12 col-xs-12 pt-cv-content-item pt-cv-1-col\" ><div class='pt-cv-ifield'><a href=\"https:\/\/www.dmsjuridica.com\/buscador_20179478954\/corteconstitucionalcronologico202454587\/t-514-97\/\" class=\"_self pt-cv-href-thumbnail pt-cv-thumb-default\" target=\"_self\" ><\/a>\n<div class=\"pt-cv-taxoterm above_title\"><a href='https:\/\/www.dmsjuridica.com\/buscador_20179478954\/corteconstitucionalcronologico202454587\/category\/buscar-en-toda-la-corte\/1997\/tutelas-1997\/' title='Tutelas 1997' class='pt-cv-tax-tutelas-1997'>Tutelas 1997<\/a><\/div>\n<h4 class=\"pt-cv-title\"><a href=\"https:\/\/www.dmsjuridica.com\/buscador_20179478954\/corteconstitucionalcronologico202454587\/t-514-97\/\" class=\"_self\" target=\"_self\" >T 514 97<\/a><\/h4>\n<div class=\"pt-cv-content\">T-514-97 Sentencia T-514\/97 MEDIO DE DEFENSA JUDICIAL-Resarcimiento por accidente ocurrido en colegio Referencia: Expediente T-135572 Actor: Jos\u00e9 Alejandro Becerra Moya. Magistrado Ponente: Dr. EDUARDO CIFUENTES MU\u00d1OZ La Sala Tercera de Revisi\u00f3n de la Corte Constitucional, integrada por los Magistrados Eduardo Cifuentes Mu\u00f1oz, Carlos Gaviria D\u00edaz y Jos\u00e9 Gregorio Hern\u00e1ndez Galindo, ha pronunciado EN NOMBRE DEL PUEBLO Y la siguiente SENTENCIA En el proceso de tutela n\u00famero T-135572, promovido por Jos\u00e9 Alejandro Becerra Moya contra Jos\u00e9 Albeir Rodr\u00edguez Ram\u00edrez y Mar\u00eda Ligia Tunjo de Rodr\u00edguez. ANTECEDENTES 1. El ciudadano Jos\u00e9 Alejandro Becerra Moya interpuso, en representaci\u00f3n de su hijo de 9 ...<br \/><div class=\"pt-cv-rmwrap\"><a href=\"https:\/\/www.dmsjuridica.com\/buscador_20179478954\/corteconstitucionalcronologico202454587\/t-514-97\/\" class=\"_self pt-cv-readmore btn btn-success\" target=\"_self\">Ver Sentencia Completa...<\/a><\/div><\/div><\/div><\/div>\n<div class=\"col-md-12 col-sm-12 col-xs-12 pt-cv-content-item pt-cv-1-col\" ><div class='pt-cv-ifield'><a href=\"https:\/\/www.dmsjuridica.com\/buscador_20179478954\/corteconstitucionalcronologico202454587\/t-513-97\/\" class=\"_self pt-cv-href-thumbnail pt-cv-thumb-default\" target=\"_self\" ><\/a>\n<div class=\"pt-cv-taxoterm above_title\"><a href='https:\/\/www.dmsjuridica.com\/buscador_20179478954\/corteconstitucionalcronologico202454587\/category\/buscar-en-toda-la-corte\/1997\/tutelas-1997\/' title='Tutelas 1997' class='pt-cv-tax-tutelas-1997'>Tutelas 1997<\/a><\/div>\n<h4 class=\"pt-cv-title\"><a href=\"https:\/\/www.dmsjuridica.com\/buscador_20179478954\/corteconstitucionalcronologico202454587\/t-513-97\/\" class=\"_self\" target=\"_self\" >T 513 97<\/a><\/h4>\n<div class=\"pt-cv-content\">T-513-97 SENTENCIA T-513\/97 DERECHO A LA EDUCACION SUPERIOR-Abstenci\u00f3n de matr\u00edcula por no anexar recibo pago de textos AUTONOMIA UNIVERSITARIA-Definici\u00f3n El principio de la autonom\u00eda universitaria es la capacidad de autodeterminaci\u00f3n otorgada a las instituciones de educaci\u00f3n superior para cumplir con la misi\u00f3n y objetivos que les son propios. Se trata de una garant\u00eda que permite a los entes de educaci\u00f3n superior darse su propia normatividad, estructura y concepci\u00f3n ideol\u00f3gica, con el fin de lograr un desarrollo aut\u00f3nomo e independiente de la comunidad educativa, sin la injerencia del poder pol\u00edtico. Sin embargo, la autonom\u00eda universitaria no puede ser concebida como un ...<br \/><div class=\"pt-cv-rmwrap\"><a href=\"https:\/\/www.dmsjuridica.com\/buscador_20179478954\/corteconstitucionalcronologico202454587\/t-513-97\/\" class=\"_self pt-cv-readmore btn btn-success\" target=\"_self\">Ver Sentencia Completa...<\/a><\/div><\/div><\/div><\/div>\n<div class=\"col-md-12 col-sm-12 col-xs-12 pt-cv-content-item pt-cv-1-col\" ><div class='pt-cv-ifield'><a href=\"https:\/\/www.dmsjuridica.com\/buscador_20179478954\/corteconstitucionalcronologico202454587\/t-506-97\/\" class=\"_self pt-cv-href-thumbnail pt-cv-thumb-default\" target=\"_self\" ><\/a>\n<div class=\"pt-cv-taxoterm above_title\"><a href='https:\/\/www.dmsjuridica.com\/buscador_20179478954\/corteconstitucionalcronologico202454587\/category\/buscar-en-toda-la-corte\/1997\/tutelas-1997\/' title='Tutelas 1997' class='pt-cv-tax-tutelas-1997'>Tutelas 1997<\/a><\/div>\n<h4 class=\"pt-cv-title\"><a href=\"https:\/\/www.dmsjuridica.com\/buscador_20179478954\/corteconstitucionalcronologico202454587\/t-506-97\/\" class=\"_self\" target=\"_self\" >T 506 97<\/a><\/h4>\n<div class=\"pt-cv-content\">T-506-97 DERECHO DE PETICION-No constituye respuesta informaci\u00f3n suministrada al juez de tutela Como se se\u00f1al\u00f3 en sentencia, lo que la entidad sindicada de violar el derecho de petici\u00f3n informe al juez de tutela para justificar la mora en la resoluci\u00f3n o para suministrar datos sobre el tr\u00e1mite de una solicitud no constituye respuesta al peticionario. El sentido del derecho fundamental radica en que sea la persona solicitante la que reciba contestaci\u00f3n oportuna. Cuanto se haga luego ante el juez de tutela, puesto que precisamente tal acci\u00f3n tiene por fundamento la violaci\u00f3n del derecho, es ya tard\u00edo e in\u00fatil, a no ...<br \/><div class=\"pt-cv-rmwrap\"><a href=\"https:\/\/www.dmsjuridica.com\/buscador_20179478954\/corteconstitucionalcronologico202454587\/t-506-97\/\" class=\"_self pt-cv-readmore btn btn-success\" target=\"_self\">Ver Sentencia Completa...<\/a><\/div><\/div><\/div><\/div>\n<div class=\"col-md-12 col-sm-12 col-xs-12 pt-cv-content-item pt-cv-1-col\" ><div class='pt-cv-ifield'><a href=\"https:\/\/www.dmsjuridica.com\/buscador_20179478954\/corteconstitucionalcronologico202454587\/t-505-97\/\" class=\"_self pt-cv-href-thumbnail pt-cv-thumb-default\" target=\"_self\" ><\/a>\n<div class=\"pt-cv-taxoterm above_title\"><a href='https:\/\/www.dmsjuridica.com\/buscador_20179478954\/corteconstitucionalcronologico202454587\/category\/buscar-en-toda-la-corte\/1997\/tutelas-1997\/' title='Tutelas 1997' class='pt-cv-tax-tutelas-1997'>Tutelas 1997<\/a><\/div>\n<h4 class=\"pt-cv-title\"><a href=\"https:\/\/www.dmsjuridica.com\/buscador_20179478954\/corteconstitucionalcronologico202454587\/t-505-97\/\" class=\"_self\" target=\"_self\" >T 505 97<\/a><\/h4>\n<div class=\"pt-cv-content\">T-505-97 Sentencia T- 505\/97 DERECHO DE PETICION-Car\u00e1cter excepcional de aplazamiento de respuesta DERECHO DE PETICION-Formato preimpreso de resoluci\u00f3n posterior Reiteraci\u00f3n de Jurisprudencia Referencia: Expediente T-136196 Acci\u00f3n de tutela incoada por RODULFO RUIZ contra la Caja Nacional de Previsi\u00f3n Social. Magistrado Ponente: Dr. Hernando Herrera Vergara. Sentencia aprobada en Santa Fe de Bogot\u00e1, D.C., a los ocho (8) d\u00edas del mes de octubre de mil novecientos noventa y siete (1997). Se revisa la sentencia proferida el 5 de junio de 1997 por el Juzgado Dieciocho Laboral del Circuito de Santaf\u00e9 de Bogot\u00e1, al resolver sobre el asunto de la referencia. I ...<br \/><div class=\"pt-cv-rmwrap\"><a href=\"https:\/\/www.dmsjuridica.com\/buscador_20179478954\/corteconstitucionalcronologico202454587\/t-505-97\/\" class=\"_self pt-cv-readmore btn btn-success\" target=\"_self\">Ver Sentencia Completa...<\/a><\/div><\/div><\/div><\/div>\n<div class=\"col-md-12 col-sm-12 col-xs-12 pt-cv-content-item pt-cv-1-col\" ><div class='pt-cv-ifield'><a href=\"https:\/\/www.dmsjuridica.com\/buscador_20179478954\/corteconstitucionalcronologico202454587\/t-504-97\/\" class=\"_self pt-cv-href-thumbnail pt-cv-thumb-default\" target=\"_self\" ><\/a>\n<div class=\"pt-cv-taxoterm above_title\"><a href='https:\/\/www.dmsjuridica.com\/buscador_20179478954\/corteconstitucionalcronologico202454587\/category\/buscar-en-toda-la-corte\/1997\/tutelas-1997\/' title='Tutelas 1997' class='pt-cv-tax-tutelas-1997'>Tutelas 1997<\/a><\/div>\n<h4 class=\"pt-cv-title\"><a href=\"https:\/\/www.dmsjuridica.com\/buscador_20179478954\/corteconstitucionalcronologico202454587\/t-504-97\/\" class=\"_self\" target=\"_self\" >T 504 97<\/a><\/h4>\n<div class=\"pt-cv-content\">T-504-97 Sentencia T-504\/97 DERECHO DE PETICION-Resoluci\u00f3n de fondo El n\u00facleo esencial del derecho de petici\u00f3n comprende la respuesta pronta y oportuna a la reclamaci\u00f3n que se formula ante la respectiva autoridad, pues de nada servir\u00eda dirigirse a las autoridades si \u00e9stas no resuelven o se reservan el sentido de lo decidido. La respuesta, para que sea oportuna en los t\u00e9rminos previstos en las normas constitucionales y legales, tiene que comprender y resolver el fondo de lo pedido y ser comunicada al peticionario, ya que el derecho fundamental del que se trata comprende la posibilidad de conocer, transcurrido el t\u00e9rmino legal, ...<br \/><div class=\"pt-cv-rmwrap\"><a href=\"https:\/\/www.dmsjuridica.com\/buscador_20179478954\/corteconstitucionalcronologico202454587\/t-504-97\/\" class=\"_self pt-cv-readmore btn btn-success\" target=\"_self\">Ver Sentencia Completa...<\/a><\/div><\/div><\/div><\/div>\n<div class=\"col-md-12 col-sm-12 col-xs-12 pt-cv-content-item pt-cv-1-col\" ><div class='pt-cv-ifield'><a href=\"https:\/\/www.dmsjuridica.com\/buscador_20179478954\/corteconstitucionalcronologico202454587\/t-503-97\/\" class=\"_self pt-cv-href-thumbnail pt-cv-thumb-default\" target=\"_self\" ><\/a>\n<div class=\"pt-cv-taxoterm above_title\"><a href='https:\/\/www.dmsjuridica.com\/buscador_20179478954\/corteconstitucionalcronologico202454587\/category\/buscar-en-toda-la-corte\/1997\/tutelas-1997\/' title='Tutelas 1997' class='pt-cv-tax-tutelas-1997'>Tutelas 1997<\/a><\/div>\n<h4 class=\"pt-cv-title\"><a href=\"https:\/\/www.dmsjuridica.com\/buscador_20179478954\/corteconstitucionalcronologico202454587\/t-503-97\/\" class=\"_self\" target=\"_self\" >T 503 97<\/a><\/h4>\n<div class=\"pt-cv-content\">T-503-97 Sentencia T- 503 \/97 ACCION DE TUTELA-Demostraci\u00f3n nexo causal entre situaci\u00f3n f\u00e1ctica y derechos presuntamente violados Cuando un particular ha iniciado una acci\u00f3n de tutela con el fin de que los derechos fundamentales que considera como violados le sean protegidos, no puede limitarse a hacer tal se\u00f1alamiento, sino que debe adem\u00e1s, demostrar que existe un nexo de causalidad entre la omisi\u00f3n administrativa, la actuaci\u00f3n del particular o de la situaci\u00f3n f\u00e1ctica que considera atentatoria, y sus derechos fundamentales. De esta manera, comprobada dicho vinculo entre la realidad y sus derechos, es que se hace posible la protecci\u00f3n tutelar, incluso ...<br \/><div class=\"pt-cv-rmwrap\"><a href=\"https:\/\/www.dmsjuridica.com\/buscador_20179478954\/corteconstitucionalcronologico202454587\/t-503-97\/\" class=\"_self pt-cv-readmore btn btn-success\" target=\"_self\">Ver Sentencia Completa...<\/a><\/div><\/div><\/div><\/div>\n<div class=\"col-md-12 col-sm-12 col-xs-12 pt-cv-content-item pt-cv-1-col\" ><div class='pt-cv-ifield'><a href=\"https:\/\/www.dmsjuridica.com\/buscador_20179478954\/corteconstitucionalcronologico202454587\/t-502-97\/\" class=\"_self pt-cv-href-thumbnail pt-cv-thumb-default\" target=\"_self\" ><\/a>\n<div class=\"pt-cv-taxoterm above_title\"><a href='https:\/\/www.dmsjuridica.com\/buscador_20179478954\/corteconstitucionalcronologico202454587\/category\/buscar-en-toda-la-corte\/1997\/tutelas-1997\/' title='Tutelas 1997' class='pt-cv-tax-tutelas-1997'>Tutelas 1997<\/a><\/div>\n<h4 class=\"pt-cv-title\"><a href=\"https:\/\/www.dmsjuridica.com\/buscador_20179478954\/corteconstitucionalcronologico202454587\/t-502-97\/\" class=\"_self\" target=\"_self\" >T 502 97<\/a><\/h4>\n<div class=\"pt-cv-content\">T-502-97 Sentencia T- 502 \/97 TERMINO PROCESAL-Finalidad Los t\u00e9rminos procesales establecidos por la ley, corresponden a l\u00edmites en el tiempo que se imponen con el fin de dar agilidad a la actividad jurisdiccional, permitiendo no s\u00f3lo la ejecuci\u00f3n continuada de diferentes etapas procesales, sino tambi\u00e9n para garantizar de esta manera el debido proceso y el acceso a la justicia por parte de los particulares que as\u00ed lo requieran. No s\u00f3lo limitan o restringen las actuaciones de los particulares en el tiempo con el fin de darle orden al proceso judicial, sino que tambi\u00e9n los obliga tanto a ellos como a ...<br \/><div class=\"pt-cv-rmwrap\"><a href=\"https:\/\/www.dmsjuridica.com\/buscador_20179478954\/corteconstitucionalcronologico202454587\/t-502-97\/\" class=\"_self pt-cv-readmore btn btn-success\" target=\"_self\">Ver Sentencia Completa...<\/a><\/div><\/div><\/div><\/div>\n<div class=\"col-md-12 col-sm-12 col-xs-12 pt-cv-content-item pt-cv-1-col\" ><div class='pt-cv-ifield'><a href=\"https:\/\/www.dmsjuridica.com\/buscador_20179478954\/corteconstitucionalcronologico202454587\/t-501-97\/\" class=\"_self pt-cv-href-thumbnail pt-cv-thumb-default\" target=\"_self\" ><\/a>\n<div class=\"pt-cv-taxoterm above_title\"><a href='https:\/\/www.dmsjuridica.com\/buscador_20179478954\/corteconstitucionalcronologico202454587\/category\/buscar-en-toda-la-corte\/1997\/tutelas-1997\/' title='Tutelas 1997' class='pt-cv-tax-tutelas-1997'>Tutelas 1997<\/a><\/div>\n<h4 class=\"pt-cv-title\"><a href=\"https:\/\/www.dmsjuridica.com\/buscador_20179478954\/corteconstitucionalcronologico202454587\/t-501-97\/\" class=\"_self\" target=\"_self\" >T 501 97<\/a><\/h4>\n<div class=\"pt-cv-content\">T-501-97 Sentencia T-501 \/97 DERECHO A LA EDUCACION-Gestiones para provisi\u00f3n de cargos docentes y administrativos Reiteraci\u00f3n de Jurisprudencia Referencia: Expediente T-134971 Peticionario: Rosalba Le\u00f3n D\u00edaz y otros Procedencia: Juzgado cincuenta y nueve penal del Circuito de Santa Fe de Bogot\u00e1. Magistrado Ponente: Dr. Hernando Herrera Vergara Santa Fe de Bogot\u00e1, D.C., a los ocho (8) d\u00edas del mes de octubre de mil novecientos noventa y siete (1997). Procede la Sala Sexta de Revisi\u00f3n de la Corte Constitucional a revisar la sentencia proferida por el Juzgado cincuenta y nueve penal del Circuito de Bogot\u00e1 el catorce (14) de mayo de 1997, ...<br \/><div class=\"pt-cv-rmwrap\"><a href=\"https:\/\/www.dmsjuridica.com\/buscador_20179478954\/corteconstitucionalcronologico202454587\/t-501-97\/\" class=\"_self pt-cv-readmore btn btn-success\" target=\"_self\">Ver Sentencia Completa...<\/a><\/div><\/div><\/div><\/div>\n<div class=\"col-md-12 col-sm-12 col-xs-12 pt-cv-content-item pt-cv-1-col\" ><div class='pt-cv-ifield'><a href=\"https:\/\/www.dmsjuridica.com\/buscador_20179478954\/corteconstitucionalcronologico202454587\/t-500-97\/\" class=\"_self pt-cv-href-thumbnail pt-cv-thumb-default\" target=\"_self\" ><\/a>\n<div class=\"pt-cv-taxoterm above_title\"><a href='https:\/\/www.dmsjuridica.com\/buscador_20179478954\/corteconstitucionalcronologico202454587\/category\/buscar-en-toda-la-corte\/1997\/tutelas-1997\/' title='Tutelas 1997' class='pt-cv-tax-tutelas-1997'>Tutelas 1997<\/a><\/div>\n<h4 class=\"pt-cv-title\"><a href=\"https:\/\/www.dmsjuridica.com\/buscador_20179478954\/corteconstitucionalcronologico202454587\/t-500-97\/\" class=\"_self\" target=\"_self\" >T 500 97<\/a><\/h4>\n<div class=\"pt-cv-content\">T-500-97 Sentencia T-500\/97 NULIDAD SANEABLE EN PROCESO DE TUTELA-Carencia de inter\u00e9s jur\u00eddico para proponer no saneamiento ACCION DE TUTELA CONTRA PROVIDENCIAS JUDICIALES-Procedencia excepcional De conformidad con la jurisprudencia de la Corte Constitucional, la acci\u00f3n de tutela no proceder\u00e1 contra sentencias, ni contra ninguna providencia judicial. La Corte admite su procedencia, bajo circunstancias excepcionales, cuando se ha configurado una v\u00eda de hecho en el proceso, o la sentencia es producto de ella. El principio jur\u00eddico en que se funda la anterior regla, consiste en estimar que s\u00f3lo el juez del conocimiento dispone de todos los elementos para tomar las decisiones pertinentes ...<br \/><div class=\"pt-cv-rmwrap\"><a href=\"https:\/\/www.dmsjuridica.com\/buscador_20179478954\/corteconstitucionalcronologico202454587\/t-500-97\/\" class=\"_self pt-cv-readmore btn btn-success\" target=\"_self\">Ver Sentencia Completa...<\/a><\/div><\/div><\/div><\/div>\n<div class=\"col-md-12 col-sm-12 col-xs-12 pt-cv-content-item pt-cv-1-col\" ><div class='pt-cv-ifield'><a href=\"https:\/\/www.dmsjuridica.com\/buscador_20179478954\/corteconstitucionalcronologico202454587\/t-499-97\/\" class=\"_self pt-cv-href-thumbnail pt-cv-thumb-default\" target=\"_self\" ><\/a>\n<div class=\"pt-cv-taxoterm above_title\"><a href='https:\/\/www.dmsjuridica.com\/buscador_20179478954\/corteconstitucionalcronologico202454587\/category\/buscar-en-toda-la-corte\/1997\/tutelas-1997\/' title='Tutelas 1997' class='pt-cv-tax-tutelas-1997'>Tutelas 1997<\/a><\/div>\n<h4 class=\"pt-cv-title\"><a href=\"https:\/\/www.dmsjuridica.com\/buscador_20179478954\/corteconstitucionalcronologico202454587\/t-499-97\/\" class=\"_self\" target=\"_self\" >T 499 97<\/a><\/h4>\n<div class=\"pt-cv-content\">T-499-97 Sentencia T-499\/97 DERECHO A LA IGUALDAD-Discriminaci\u00f3n entre empleados judiciales por r\u00e9gimen cesant\u00edas parciales No es la falta de pago de una prestaci\u00f3n social lo que lleva a conceder la tutela sino la violaci\u00f3n ostensible del debido equilibrio entre individuos que se encuentran en las mismas circunstancias. Debe tenerse en cuenta que la protecci\u00f3n se concede en cuanto el Estado pretende presionar la decisi\u00f3n de los trabajadores judiciales -que debe ser libre y espont\u00e1nea- en cuanto a la opci\u00f3n entre el r\u00e9gimen prestacional antiguo y el nuevo, mediante la demora indefinida en el pago de cesant\u00edas parciales a quienes prefieren ...<br \/><div class=\"pt-cv-rmwrap\"><a href=\"https:\/\/www.dmsjuridica.com\/buscador_20179478954\/corteconstitucionalcronologico202454587\/t-499-97\/\" class=\"_self pt-cv-readmore btn btn-success\" target=\"_self\">Ver Sentencia Completa...<\/a><\/div><\/div><\/div><\/div>\n<div class=\"col-md-12 col-sm-12 col-xs-12 pt-cv-content-item pt-cv-1-col\" ><div class='pt-cv-ifield'><a href=\"https:\/\/www.dmsjuridica.com\/buscador_20179478954\/corteconstitucionalcronologico202454587\/t-498-97\/\" class=\"_self pt-cv-href-thumbnail pt-cv-thumb-default\" target=\"_self\" ><\/a>\n<div class=\"pt-cv-taxoterm above_title\"><a href='https:\/\/www.dmsjuridica.com\/buscador_20179478954\/corteconstitucionalcronologico202454587\/category\/buscar-en-toda-la-corte\/1997\/tutelas-1997\/' title='Tutelas 1997' class='pt-cv-tax-tutelas-1997'>Tutelas 1997<\/a><\/div>\n<h4 class=\"pt-cv-title\"><a href=\"https:\/\/www.dmsjuridica.com\/buscador_20179478954\/corteconstitucionalcronologico202454587\/t-498-97\/\" class=\"_self\" target=\"_self\" >T 498 97<\/a><\/h4>\n<div class=\"pt-cv-content\">T-498-97 Sentencia T-498\/97 DERECHO DE PETICION-Car\u00e1cter excepcional de aplazamiento de respuesta Referencia: Expediente T-135273 Acci\u00f3n de tutela incoada por Andr\u00e9s Isabelino Renter\u00eda contra la Caja Nacional de Previsi\u00f3n Social, CAJANAL. Magistrado Ponente: Dr. HERNANDO HERRERA VERGARA Sentencia aprobada en Santaf\u00e9 de Bogot\u00e1, D.C., a los seis (6) d\u00edas del mes de octubre de mil novecientos noventa y siete (1997). Se revisa el fallo proferido por el Juzgado cincuenta y siete Civil Municipal de Santaf\u00e9 de Bogot\u00e1, al resolver sobre la acci\u00f3n de tutela en referencia. I. ANTECEDENTES Manifiesta el se\u00f1or ANDRES ISABELINO RENTERIA, que por conducto de apoderado, present\u00f3 desde ...<br \/><div class=\"pt-cv-rmwrap\"><a href=\"https:\/\/www.dmsjuridica.com\/buscador_20179478954\/corteconstitucionalcronologico202454587\/t-498-97\/\" class=\"_self pt-cv-readmore btn btn-success\" target=\"_self\">Ver Sentencia Completa...<\/a><\/div><\/div><\/div><\/div>\n<div class=\"col-md-12 col-sm-12 col-xs-12 pt-cv-content-item pt-cv-1-col\" ><div class='pt-cv-ifield'><a href=\"https:\/\/www.dmsjuridica.com\/buscador_20179478954\/corteconstitucionalcronologico202454587\/t-497-97\/\" class=\"_self pt-cv-href-thumbnail pt-cv-thumb-default\" target=\"_self\" ><\/a>\n<div class=\"pt-cv-taxoterm above_title\"><a href='https:\/\/www.dmsjuridica.com\/buscador_20179478954\/corteconstitucionalcronologico202454587\/category\/buscar-en-toda-la-corte\/1997\/tutelas-1997\/' title='Tutelas 1997' class='pt-cv-tax-tutelas-1997'>Tutelas 1997<\/a><\/div>\n<h4 class=\"pt-cv-title\"><a href=\"https:\/\/www.dmsjuridica.com\/buscador_20179478954\/corteconstitucionalcronologico202454587\/t-497-97\/\" class=\"_self\" target=\"_self\" >T 497 97<\/a><\/h4>\n<div class=\"pt-cv-content\">T-497-97 Sentencia T-497\/97 PRINCIPIO DE LA BUENA FE-Atenci\u00f3n de enfermedades no incluidas en lista de preexistencias\/CONTRATO CON ENTIDAD PROMOTORA DE SALUD-Cubrimiento de preexistencias por desconocimiento y no realizaci\u00f3n de examen Esta corporaci\u00f3n ha reiterado, que, de acuerdo con el principio de la buena fe, la Empresa Prestadora de Salud, atender\u00e1 lo referente a todas las enfermedades no incluidas en la lista de preexistencias que firma el afiliado junto con el contrato. As\u00ed, el afiliado da la seguridad a la empresa de no solicitar tratamiento por algunas enfermedades que padece al momento de firmar su contrato de afiliaci\u00f3n; consigna los padecimientos ...<br \/><div class=\"pt-cv-rmwrap\"><a href=\"https:\/\/www.dmsjuridica.com\/buscador_20179478954\/corteconstitucionalcronologico202454587\/t-497-97\/\" class=\"_self pt-cv-readmore btn btn-success\" target=\"_self\">Ver Sentencia Completa...<\/a><\/div><\/div><\/div><\/div>\n<div class=\"col-md-12 col-sm-12 col-xs-12 pt-cv-content-item pt-cv-1-col\" ><div class='pt-cv-ifield'><a href=\"https:\/\/www.dmsjuridica.com\/buscador_20179478954\/corteconstitucionalcronologico202454587\/t-496-97\/\" class=\"_self pt-cv-href-thumbnail pt-cv-thumb-default\" target=\"_self\" ><\/a>\n<div class=\"pt-cv-taxoterm above_title\"><a href='https:\/\/www.dmsjuridica.com\/buscador_20179478954\/corteconstitucionalcronologico202454587\/category\/buscar-en-toda-la-corte\/1997\/tutelas-1997\/' title='Tutelas 1997' class='pt-cv-tax-tutelas-1997'>Tutelas 1997<\/a><\/div>\n<h4 class=\"pt-cv-title\"><a href=\"https:\/\/www.dmsjuridica.com\/buscador_20179478954\/corteconstitucionalcronologico202454587\/t-496-97\/\" class=\"_self\" target=\"_self\" >T 496 97<\/a><\/h4>\n<div class=\"pt-cv-content\">T-496-97 Sentencia T-496\/97 DERECHO AL TRABAJO-Estabilidad laboral de docentes sometida a reglas de carrera En el caso de los docentes, la garant\u00eda de estabilidad laboral est\u00e1 sometida a las reglas de carrera establecidas por el legislador; de acuerdo con tal regulaci\u00f3n, quienes no se encuentran vinculados a la planta de cargos docentes de una entidad territorial por medio de un nombramiento en propiedad pueden ser autorizados por la autoridad nominadora del lugar, para \u201catender las funciones propias de los docentes que se encuentran en situaciones administrativas tales como incapacidad superior de 30 d\u00edas, licencia, suspensi\u00f3n, traslado por amenaza, o en ...<br \/><div class=\"pt-cv-rmwrap\"><a href=\"https:\/\/www.dmsjuridica.com\/buscador_20179478954\/corteconstitucionalcronologico202454587\/t-496-97\/\" class=\"_self pt-cv-readmore btn btn-success\" target=\"_self\">Ver Sentencia Completa...<\/a><\/div><\/div><\/div><\/div>\n<div class=\"col-md-12 col-sm-12 col-xs-12 pt-cv-content-item pt-cv-1-col\" ><div class='pt-cv-ifield'><a href=\"https:\/\/www.dmsjuridica.com\/buscador_20179478954\/corteconstitucionalcronologico202454587\/t-495-97\/\" class=\"_self pt-cv-href-thumbnail pt-cv-thumb-default\" target=\"_self\" ><\/a>\n<div class=\"pt-cv-taxoterm above_title\"><a href='https:\/\/www.dmsjuridica.com\/buscador_20179478954\/corteconstitucionalcronologico202454587\/category\/buscar-en-toda-la-corte\/1997\/tutelas-1997\/' title='Tutelas 1997' class='pt-cv-tax-tutelas-1997'>Tutelas 1997<\/a><\/div>\n<h4 class=\"pt-cv-title\"><a href=\"https:\/\/www.dmsjuridica.com\/buscador_20179478954\/corteconstitucionalcronologico202454587\/t-495-97\/\" class=\"_self\" target=\"_self\" >T 495 97<\/a><\/h4>\n<div class=\"pt-cv-content\">T-495-97 Sentencia T-495\/97 FAMILIA DE HECHO-Protecci\u00f3n constitucional\/DERECHO A LA IGUALDAD-Padres de crianza RELACION FILIAL DE HECHO-Juez de tutela debe ponerla en conocimiento del ICBF El amparo judicial de relaciones filiales no formalizadas de acuerdo con las previsiones legales, conlleva el riesgo de patrocinar actos que atentan contra la estabilidad de las familias leg\u00edtimamente constituidas, y el derecho de los menores a permanecer al lado de sus progenitores, por lo que, en general, cuando el juez de tutela encuentre que existen relaciones filiales de hecho entre quienes acuden a solicitar que se les aplique justicia, debe ponerlas en conocimiento del Instituto ...<br \/><div class=\"pt-cv-rmwrap\"><a href=\"https:\/\/www.dmsjuridica.com\/buscador_20179478954\/corteconstitucionalcronologico202454587\/t-495-97\/\" class=\"_self pt-cv-readmore btn btn-success\" target=\"_self\">Ver Sentencia Completa...<\/a><\/div><\/div><\/div><\/div>\n<div class=\"col-md-12 col-sm-12 col-xs-12 pt-cv-content-item pt-cv-1-col\" ><div class='pt-cv-ifield'><a href=\"https:\/\/www.dmsjuridica.com\/buscador_20179478954\/corteconstitucionalcronologico202454587\/t-485-97\/\" class=\"_self pt-cv-href-thumbnail pt-cv-thumb-default\" target=\"_self\" ><\/a>\n<div class=\"pt-cv-taxoterm above_title\"><a href='https:\/\/www.dmsjuridica.com\/buscador_20179478954\/corteconstitucionalcronologico202454587\/category\/buscar-en-toda-la-corte\/1997\/tutelas-1997\/' title='Tutelas 1997' class='pt-cv-tax-tutelas-1997'>Tutelas 1997<\/a><\/div>\n<h4 class=\"pt-cv-title\"><a href=\"https:\/\/www.dmsjuridica.com\/buscador_20179478954\/corteconstitucionalcronologico202454587\/t-485-97\/\" class=\"_self\" target=\"_self\" >T 485 97<\/a><\/h4>\n<div class=\"pt-cv-content\">T-485-97 Sentencia T-485\/97 DERECHO DE PETICION-Sustracci\u00f3n de materia Referencia: Expediente T-136198 Demandante: Rafael Gonz\u00e1lez Burgos Magistrado Ponente: Dr. HERNANDO HERRERA VERGARA Santa F\u00e9 de Bogot\u00e1 D.C., al primero (1\u00b0) del mes de octubre de mil novecientos noventa y siete (1997). En cumplimiento de lo dispuesto por el art\u00edculo 241 numeral 9\u00b0 de la Constituci\u00f3n Pol\u00edtica, en concordancia con los art\u00edculos 33 y 36 del Decreto 2591 de 1991, el Juzgado 18 Laboral del Circuito de Bogot\u00e1, envi\u00f3 a la Corte Constitucional el expediente de la referencia, para los efectos de la revisi\u00f3n constitucional del fallo proferido por ese despacho el ...<br \/><div class=\"pt-cv-rmwrap\"><a href=\"https:\/\/www.dmsjuridica.com\/buscador_20179478954\/corteconstitucionalcronologico202454587\/t-485-97\/\" class=\"_self pt-cv-readmore btn btn-success\" target=\"_self\">Ver Sentencia Completa...<\/a><\/div><\/div><\/div><\/div>\n<div class=\"col-md-12 col-sm-12 col-xs-12 pt-cv-content-item pt-cv-1-col\" ><div class='pt-cv-ifield'><a href=\"https:\/\/www.dmsjuridica.com\/buscador_20179478954\/corteconstitucionalcronologico202454587\/t-484-97\/\" class=\"_self pt-cv-href-thumbnail pt-cv-thumb-default\" target=\"_self\" ><\/a>\n<div class=\"pt-cv-taxoterm above_title\"><a href='https:\/\/www.dmsjuridica.com\/buscador_20179478954\/corteconstitucionalcronologico202454587\/category\/buscar-en-toda-la-corte\/1997\/tutelas-1997\/' title='Tutelas 1997' class='pt-cv-tax-tutelas-1997'>Tutelas 1997<\/a><\/div>\n<h4 class=\"pt-cv-title\"><a href=\"https:\/\/www.dmsjuridica.com\/buscador_20179478954\/corteconstitucionalcronologico202454587\/t-484-97\/\" class=\"_self\" target=\"_self\" >T 484 97<\/a><\/h4>\n<div class=\"pt-cv-content\">T-484-97 Sentencia T-484\/97 DERECHO A LA SEGURIDAD SOCIAL DE PERSONA DE LA TERCERA EDAD-Pago oportuno de mesadas pensionales\/DERECHO AL MINIMO VITAL DE PERSONA DE LA TERCERA EDAD-Pago oportuno de mesadas pensionales La Corte ha se\u00f1alado, que el derecho a la seguridad social no se constituye por s\u00ed s\u00f3lo como fundamental, pero puede llegar a tener tal connotaci\u00f3n en la medida en que su vulneraci\u00f3n o amenaza pongan en peligro o afecte alg\u00fan derecho fundamental. En el caso particular de las personas de la tercera edad, el derecho a la seguridad social adquiere una mayor entidad en la medida en que ...<br \/><div class=\"pt-cv-rmwrap\"><a href=\"https:\/\/www.dmsjuridica.com\/buscador_20179478954\/corteconstitucionalcronologico202454587\/t-484-97\/\" class=\"_self pt-cv-readmore btn btn-success\" target=\"_self\">Ver Sentencia Completa...<\/a><\/div><\/div><\/div><\/div>\n<div class=\"col-md-12 col-sm-12 col-xs-12 pt-cv-content-item pt-cv-1-col\" ><div class='pt-cv-ifield'><a href=\"https:\/\/www.dmsjuridica.com\/buscador_20179478954\/corteconstitucionalcronologico202454587\/t-483-97\/\" class=\"_self pt-cv-href-thumbnail pt-cv-thumb-default\" target=\"_self\" ><\/a>\n<div class=\"pt-cv-taxoterm above_title\"><a href='https:\/\/www.dmsjuridica.com\/buscador_20179478954\/corteconstitucionalcronologico202454587\/category\/buscar-en-toda-la-corte\/1997\/tutelas-1997\/' title='Tutelas 1997' class='pt-cv-tax-tutelas-1997'>Tutelas 1997<\/a><\/div>\n<h4 class=\"pt-cv-title\"><a href=\"https:\/\/www.dmsjuridica.com\/buscador_20179478954\/corteconstitucionalcronologico202454587\/t-483-97\/\" class=\"_self\" target=\"_self\" >T 483 97<\/a><\/h4>\n<div class=\"pt-cv-content\">T-483-97 Sentencia T-483\/97 VIA DE HECHO-Car\u00e1cter excepcional y restringido Debe esta Corporaci\u00f3n reiterar que la v\u00eda de hecho tiene un car\u00e1cter excepcional y restringido, que s\u00f3lo ocurre cuando el juez, al dictar una providencia, la adopta contrariando ostensiblemente el contenido o la intenci\u00f3n de la ley o desconoce formalidades cuya observancia consagran una garant\u00eda del derecho de defensa de las partes en el proceso. DECLARACION EXTRAJUICIO EN ACTUACION ADMINISTRATIVA-Prohibici\u00f3n no se extiende a procesos judiciales\/FACULTADES EXTRAORDINARIAS-Prohibici\u00f3n de reformar c\u00f3digos El Decreto 2150 de 1995 simplemente suprimi\u00f3 la presentaci\u00f3n de declaraciones extrajuicio en las actuaciones administrativas. De su texto no se ...<br \/><div class=\"pt-cv-rmwrap\"><a href=\"https:\/\/www.dmsjuridica.com\/buscador_20179478954\/corteconstitucionalcronologico202454587\/t-483-97\/\" class=\"_self pt-cv-readmore btn btn-success\" target=\"_self\">Ver Sentencia Completa...<\/a><\/div><\/div><\/div><\/div>\n<div class=\"col-md-12 col-sm-12 col-xs-12 pt-cv-content-item pt-cv-1-col\" ><div class='pt-cv-ifield'><a href=\"https:\/\/www.dmsjuridica.com\/buscador_20179478954\/corteconstitucionalcronologico202454587\/t-482-97\/\" class=\"_self pt-cv-href-thumbnail pt-cv-thumb-default\" target=\"_self\" ><\/a>\n<div class=\"pt-cv-taxoterm above_title\"><a href='https:\/\/www.dmsjuridica.com\/buscador_20179478954\/corteconstitucionalcronologico202454587\/category\/buscar-en-toda-la-corte\/1997\/tutelas-1997\/' title='Tutelas 1997' class='pt-cv-tax-tutelas-1997'>Tutelas 1997<\/a><\/div>\n<h4 class=\"pt-cv-title\"><a href=\"https:\/\/www.dmsjuridica.com\/buscador_20179478954\/corteconstitucionalcronologico202454587\/t-482-97\/\" class=\"_self\" target=\"_self\" >T 482 97<\/a><\/h4>\n<div class=\"pt-cv-content\">T-482-97 Sentencia T-482\/97 SINDICATO-Afiliado no es subordinado de una subdirectiva\/AUTONOMIA SINDICAL-Estatutos regulan relaciones entre asociados El afiliado a un sindicato no es un subordinado frente a una subdirectiva. Todos los militantes de la organizaci\u00f3n sindical est\u00e1n objetivamente en una relaci\u00f3n horizontal. La autonom\u00eda sindical permite que sean los estatutos los que regulen las relaciones entre los asociados, todo ello enmarcado dentro del principio de igualdad.Si los mismos asociados eligen sus representates ello no quiere decir que los no electos pasan a ser subordinados de los elegidos. No puede considerarse, en que el asociado a quienes sus compa\u00f1eros expulsaron est\u00e9 actualmente ...<br \/><div class=\"pt-cv-rmwrap\"><a href=\"https:\/\/www.dmsjuridica.com\/buscador_20179478954\/corteconstitucionalcronologico202454587\/t-482-97\/\" class=\"_self pt-cv-readmore btn btn-success\" target=\"_self\">Ver Sentencia Completa...<\/a><\/div><\/div><\/div><\/div>\n<div class=\"col-md-12 col-sm-12 col-xs-12 pt-cv-content-item pt-cv-1-col\" ><div class='pt-cv-ifield'><a href=\"https:\/\/www.dmsjuridica.com\/buscador_20179478954\/corteconstitucionalcronologico202454587\/t-481-97\/\" class=\"_self pt-cv-href-thumbnail pt-cv-thumb-default\" target=\"_self\" ><\/a>\n<div class=\"pt-cv-taxoterm above_title\"><a href='https:\/\/www.dmsjuridica.com\/buscador_20179478954\/corteconstitucionalcronologico202454587\/category\/buscar-en-toda-la-corte\/1997\/tutelas-1997\/' title='Tutelas 1997' class='pt-cv-tax-tutelas-1997'>Tutelas 1997<\/a><\/div>\n<h4 class=\"pt-cv-title\"><a href=\"https:\/\/www.dmsjuridica.com\/buscador_20179478954\/corteconstitucionalcronologico202454587\/t-481-97\/\" class=\"_self\" target=\"_self\" >T 481 97<\/a><\/h4>\n<div class=\"pt-cv-content\">T-481-97 Sentencia T-481\/97 ESTABLECIMIENTO EDUCATIVO-Deficiencias en servicios de acueducto y alcantarillado DERECHO A LA SALUD-Deficiencias en servicios de acueducto y alcantarillado para menores estudiantes DERECHO A LA EDUCACION-Desarrollo integral\/DERECHO A LA EDUCACION-Condiciones ambientales para menores El derecho a la educaci\u00f3n de los menores no solamente supone la posibilidad de obtener datos o conocimientos, sino la de alcanzar un desarrollo integral, en donde el educando pueda desplegar totalmente sus facultades f\u00edsicas y mentales. El desarrollo de las facultades f\u00edsicas, supone el acceso a espacios en los cuales pueda moverse con libertad e interactuar de diferentes formas con los dem\u00e1s, momento en ...<br \/><div class=\"pt-cv-rmwrap\"><a href=\"https:\/\/www.dmsjuridica.com\/buscador_20179478954\/corteconstitucionalcronologico202454587\/t-481-97\/\" class=\"_self pt-cv-readmore btn btn-success\" target=\"_self\">Ver Sentencia Completa...<\/a><\/div><\/div><\/div><\/div>\n<div class=\"col-md-12 col-sm-12 col-xs-12 pt-cv-content-item pt-cv-1-col\" ><div class='pt-cv-ifield'><a href=\"https:\/\/www.dmsjuridica.com\/buscador_20179478954\/corteconstitucionalcronologico202454587\/t-465-97\/\" class=\"_self pt-cv-href-thumbnail pt-cv-thumb-default\" target=\"_self\" ><\/a>\n<div class=\"pt-cv-taxoterm above_title\"><a href='https:\/\/www.dmsjuridica.com\/buscador_20179478954\/corteconstitucionalcronologico202454587\/category\/buscar-en-toda-la-corte\/1997\/tutelas-1997\/' title='Tutelas 1997' class='pt-cv-tax-tutelas-1997'>Tutelas 1997<\/a><\/div>\n<h4 class=\"pt-cv-title\"><a href=\"https:\/\/www.dmsjuridica.com\/buscador_20179478954\/corteconstitucionalcronologico202454587\/t-465-97\/\" class=\"_self\" target=\"_self\" >T 465 97<\/a><\/h4>\n<div class=\"pt-cv-content\">T-465-97 Sentencia T-465\/97 MEDIO DE DEFENSA JUDICIAL-Inmueble afectado con tratamiento de conservaci\u00f3n arquitect\u00f3nica A pesar de las numerosas expresiones invocadas por el demandante de se\u00f1alar que el objeto de esta tutela se encuentra en la omisi\u00f3n de las autoridades distritales demandadas de iniciar el procedimiento de adquisici\u00f3n directa o de expropiaci\u00f3n del inmueble afectado con el tratamiento de \"Conservaci\u00f3n Arquitect\u00f3nica\", o, que se le excluya de tal car\u00e1cter, el hecho concreto consiste en que el demandante cuenta con otros medios de defensa judicial, lo que hace improcedente la acci\u00f3n de tutela.En efecto, tal como lo se\u00f1alaron el Tribunal y el ...<br \/><div class=\"pt-cv-rmwrap\"><a href=\"https:\/\/www.dmsjuridica.com\/buscador_20179478954\/corteconstitucionalcronologico202454587\/t-465-97\/\" class=\"_self pt-cv-readmore btn btn-success\" target=\"_self\">Ver Sentencia Completa...<\/a><\/div><\/div><\/div><\/div>\n<div class=\"col-md-12 col-sm-12 col-xs-12 pt-cv-content-item pt-cv-1-col\" ><div class='pt-cv-ifield'><a href=\"https:\/\/www.dmsjuridica.com\/buscador_20179478954\/corteconstitucionalcronologico202454587\/t-464-97\/\" class=\"_self pt-cv-href-thumbnail pt-cv-thumb-default\" target=\"_self\" ><\/a>\n<div class=\"pt-cv-taxoterm above_title\"><a href='https:\/\/www.dmsjuridica.com\/buscador_20179478954\/corteconstitucionalcronologico202454587\/category\/buscar-en-toda-la-corte\/1997\/tutelas-1997\/' title='Tutelas 1997' class='pt-cv-tax-tutelas-1997'>Tutelas 1997<\/a><\/div>\n<h4 class=\"pt-cv-title\"><a href=\"https:\/\/www.dmsjuridica.com\/buscador_20179478954\/corteconstitucionalcronologico202454587\/t-464-97\/\" class=\"_self\" target=\"_self\" >T 464 97<\/a><\/h4>\n<div class=\"pt-cv-content\">T-464-97 Sentencia T-464\/97 DERECHO DE PETICION-Prohibici\u00f3n de respuesta evasiva Una contestaci\u00f3n vac\u00eda de contenido, evasiva y casi desde\u00f1osa como deja en el mismo estado de desorientaci\u00f3n a la persona y por ende resulta violado su derecho de petici\u00f3n. El alcance de este derecho fundamental va mucho m\u00e1s all\u00e1 de la respuesta formal, aunque oportuna. Pero, adem\u00e1s, toda persona tiene derecho a que la respuesta de la administraci\u00f3n sea clara y espec\u00edfica en torno a la resoluci\u00f3n adoptada, con independencia de si es negativa o positiva.No se viola el derecho de petici\u00f3n por negar lo pedido, como lo ha reiterado la ...<br \/><div class=\"pt-cv-rmwrap\"><a href=\"https:\/\/www.dmsjuridica.com\/buscador_20179478954\/corteconstitucionalcronologico202454587\/t-464-97\/\" class=\"_self pt-cv-readmore btn btn-success\" target=\"_self\">Ver Sentencia Completa...<\/a><\/div><\/div><\/div><\/div>\n<div class=\"col-md-12 col-sm-12 col-xs-12 pt-cv-content-item pt-cv-1-col\" ><div class='pt-cv-ifield'><a href=\"https:\/\/www.dmsjuridica.com\/buscador_20179478954\/corteconstitucionalcronologico202454587\/t-463-97\/\" class=\"_self pt-cv-href-thumbnail pt-cv-thumb-default\" target=\"_self\" ><\/a>\n<div class=\"pt-cv-taxoterm above_title\"><a href='https:\/\/www.dmsjuridica.com\/buscador_20179478954\/corteconstitucionalcronologico202454587\/category\/buscar-en-toda-la-corte\/1997\/tutelas-1997\/' title='Tutelas 1997' class='pt-cv-tax-tutelas-1997'>Tutelas 1997<\/a><\/div>\n<h4 class=\"pt-cv-title\"><a href=\"https:\/\/www.dmsjuridica.com\/buscador_20179478954\/corteconstitucionalcronologico202454587\/t-463-97\/\" class=\"_self\" target=\"_self\" >T 463 97<\/a><\/h4>\n<div class=\"pt-cv-content\">T-463-97 Sentencia T-463\/97 ACCION DE TUTELA-Alcance del hecho superado Como lo ha dejado sentado esta Corporaci\u00f3n el objeto esencial de la acci\u00f3n de tutela es garantizar la efectiva e inmediata protecci\u00f3n de los derechos fundamentales, pues, ciertamente, el sentido de este amparo judicial es que el juez constitucional, una vez analizado el caso particular, pueda proferir un fallo en procura de la defensa de los derechos vulnerados al afectado, siempre y cuando exista motivo para ello. Pero si la situaci\u00f3n f\u00e1ctica que gener\u00f3 la amenaza o vulneraci\u00f3n ya ha sido superada, la decisi\u00f3n que pueda proferir el juez de tutela ...<br \/><div class=\"pt-cv-rmwrap\"><a href=\"https:\/\/www.dmsjuridica.com\/buscador_20179478954\/corteconstitucionalcronologico202454587\/t-463-97\/\" class=\"_self pt-cv-readmore btn btn-success\" target=\"_self\">Ver Sentencia Completa...<\/a><\/div><\/div><\/div><\/div>\n<div class=\"col-md-12 col-sm-12 col-xs-12 pt-cv-content-item pt-cv-1-col\" ><div class='pt-cv-ifield'><a href=\"https:\/\/www.dmsjuridica.com\/buscador_20179478954\/corteconstitucionalcronologico202454587\/t-462-97\/\" class=\"_self pt-cv-href-thumbnail pt-cv-thumb-default\" target=\"_self\" ><\/a>\n<div class=\"pt-cv-taxoterm above_title\"><a href='https:\/\/www.dmsjuridica.com\/buscador_20179478954\/corteconstitucionalcronologico202454587\/category\/buscar-en-toda-la-corte\/1997\/tutelas-1997\/' title='Tutelas 1997' class='pt-cv-tax-tutelas-1997'>Tutelas 1997<\/a><\/div>\n<h4 class=\"pt-cv-title\"><a href=\"https:\/\/www.dmsjuridica.com\/buscador_20179478954\/corteconstitucionalcronologico202454587\/t-462-97\/\" class=\"_self\" target=\"_self\" >T 462 97<\/a><\/h4>\n<div class=\"pt-cv-content\">T-462-97 Sentencia T-462\/97 PERSONAS JURIDICAS-Titularidad de derechos fundamentales En relaci\u00f3n con la condici\u00f3n de titulares de derechos fundamentales que ostentan las personas jur\u00eddicas, esta Corporaci\u00f3n, en reiterada jurisprudencia, que ha afirmado que por ser capaces de una voluntad racional y aut\u00f3noma, estos entes colectivos son verdaderas personas en sentido jur\u00eddico, esto es titulares de derechos y obligaciones y, en especial, titulares tambi\u00e9n de derechos fundamentales. DERECHO AL HABEAS DATA DE PERSONA JURIDICA-Vinculaci\u00f3n directa con la intimidad y buen nombre Si las personas jur\u00eddicas son titulares del derecho fundamental al buen nombre, en consecuencia lo son tambi\u00e9n del derecho al habeas ...<br \/><div class=\"pt-cv-rmwrap\"><a href=\"https:\/\/www.dmsjuridica.com\/buscador_20179478954\/corteconstitucionalcronologico202454587\/t-462-97\/\" class=\"_self pt-cv-readmore btn btn-success\" target=\"_self\">Ver Sentencia Completa...<\/a><\/div><\/div><\/div><\/div>\n<div class=\"col-md-12 col-sm-12 col-xs-12 pt-cv-content-item pt-cv-1-col\" ><div class='pt-cv-ifield'><a href=\"https:\/\/www.dmsjuridica.com\/buscador_20179478954\/corteconstitucionalcronologico202454587\/t-461-97\/\" class=\"_self pt-cv-href-thumbnail pt-cv-thumb-default\" target=\"_self\" ><\/a>\n<div class=\"pt-cv-taxoterm above_title\"><a href='https:\/\/www.dmsjuridica.com\/buscador_20179478954\/corteconstitucionalcronologico202454587\/category\/buscar-en-toda-la-corte\/1997\/tutelas-1997\/' title='Tutelas 1997' class='pt-cv-tax-tutelas-1997'>Tutelas 1997<\/a><\/div>\n<h4 class=\"pt-cv-title\"><a href=\"https:\/\/www.dmsjuridica.com\/buscador_20179478954\/corteconstitucionalcronologico202454587\/t-461-97\/\" class=\"_self\" target=\"_self\" >T 461 97<\/a><\/h4>\n<div class=\"pt-cv-content\">T-461-97 VIA DE HECHO-No se estructura por simple disparidad de criterios sobre normas La v\u00eda de hecho no se estructura cuando lo que existe es una simple disparidad de criterios sobre la aplicaci\u00f3n o interpretaci\u00f3n de las normas jur\u00eddicas aplicables a un caso concreto. Bien puede el juez que conoce de la tutela discrepar acerca de los fundamentos jur\u00eddicos de la decisi\u00f3n judicial que se somete a su examen, sin que por ello se incurra en una v\u00eda de hecho, pues basta que los argumentos que la sustentan sean serios, objetivos y razonables y revelen, por consiguiente, el recto ejercicio ...<br \/><div class=\"pt-cv-rmwrap\"><a href=\"https:\/\/www.dmsjuridica.com\/buscador_20179478954\/corteconstitucionalcronologico202454587\/t-461-97\/\" class=\"_self pt-cv-readmore btn btn-success\" target=\"_self\">Ver Sentencia Completa...<\/a><\/div><\/div><\/div><\/div>\n<div class=\"col-md-12 col-sm-12 col-xs-12 pt-cv-content-item pt-cv-1-col\" ><div class='pt-cv-ifield'><a href=\"https:\/\/www.dmsjuridica.com\/buscador_20179478954\/corteconstitucionalcronologico202454587\/t-460-97\/\" class=\"_self pt-cv-href-thumbnail pt-cv-thumb-default\" target=\"_self\" ><\/a>\n<div class=\"pt-cv-taxoterm above_title\"><a href='https:\/\/www.dmsjuridica.com\/buscador_20179478954\/corteconstitucionalcronologico202454587\/category\/buscar-en-toda-la-corte\/1997\/tutelas-1997\/' title='Tutelas 1997' class='pt-cv-tax-tutelas-1997'>Tutelas 1997<\/a><\/div>\n<h4 class=\"pt-cv-title\"><a href=\"https:\/\/www.dmsjuridica.com\/buscador_20179478954\/corteconstitucionalcronologico202454587\/t-460-97\/\" class=\"_self\" target=\"_self\" >T 460 97<\/a><\/h4>\n<div class=\"pt-cv-content\">T-460-97 Sentencia T-460\/97 VIOLENCIA INTRAFAMILIAR-Improcedencia de tutela Este medio de garant\u00eda judicial que incorpora al ordenamiento jur\u00eddico la ley 294, protege en forma directa, espec\u00edfica, id\u00f3nea y eficaz los derechos fundamentales de los integrantes del n\u00facleo familiar que pueden verse vulnerados con ocasi\u00f3n de la violencia intrafamiliar. En estas circunstancias, es obvio que dicho instrumento desplaza la acci\u00f3n de tutela que es un mecanismo meramente residual o subsidiario, al cual s\u00f3lo es posible acudir ante la inexistencia de un medio alternativo de defensa judicial.La tutela, resulta extra\u00f1a para la protecci\u00f3n de los derechos de las v\u00edctimas de la violencia intrafamiliar, ...<br \/><div class=\"pt-cv-rmwrap\"><a href=\"https:\/\/www.dmsjuridica.com\/buscador_20179478954\/corteconstitucionalcronologico202454587\/t-460-97\/\" class=\"_self pt-cv-readmore btn btn-success\" target=\"_self\">Ver Sentencia Completa...<\/a><\/div><\/div><\/div><\/div>\n<div class=\"col-md-12 col-sm-12 col-xs-12 pt-cv-content-item pt-cv-1-col\" ><div class='pt-cv-ifield'><a href=\"https:\/\/www.dmsjuridica.com\/buscador_20179478954\/corteconstitucionalcronologico202454587\/t-459-97\/\" class=\"_self pt-cv-href-thumbnail pt-cv-thumb-default\" target=\"_self\" ><\/a>\n<div class=\"pt-cv-taxoterm above_title\"><a href='https:\/\/www.dmsjuridica.com\/buscador_20179478954\/corteconstitucionalcronologico202454587\/category\/buscar-en-toda-la-corte\/1997\/tutelas-1997\/' title='Tutelas 1997' class='pt-cv-tax-tutelas-1997'>Tutelas 1997<\/a><\/div>\n<h4 class=\"pt-cv-title\"><a href=\"https:\/\/www.dmsjuridica.com\/buscador_20179478954\/corteconstitucionalcronologico202454587\/t-459-97\/\" class=\"_self\" target=\"_self\" >T 459 97<\/a><\/h4>\n<div class=\"pt-cv-content\">T-459-97 Sentencia T-459\/97 CONVIVENCIA EN COMUNIDAD EDUCATIVA-Sujeci\u00f3n a valores, principios y derechos constitucionales\/REGLAMENTO EDUCATIVO-Establecimiento de normas sujeto a la Constituci\u00f3n La convivencia dentro de una determinada comunidad implica, para quienes la integran, el disfrute de una serie de derechos acompa\u00f1ado, al mismo tiempo, de la obligaci\u00f3n de cumplir con ciertos deberes. Lo anterior encuentra sustento en lo dispuesto por el art\u00edculo 95-1 de la Carta Pol\u00edtica, seg\u00fan el cual es deber de las personas y de los ciudadanos \"respetar los derechos ajenos y no abusar de los propios\". La comunidad educativa, es decir, aquella que se encuentra integrada por estudiantes, ...<br \/><div class=\"pt-cv-rmwrap\"><a href=\"https:\/\/www.dmsjuridica.com\/buscador_20179478954\/corteconstitucionalcronologico202454587\/t-459-97\/\" class=\"_self pt-cv-readmore btn btn-success\" target=\"_self\">Ver Sentencia Completa...<\/a><\/div><\/div><\/div><\/div>\n<div class=\"col-md-12 col-sm-12 col-xs-12 pt-cv-content-item pt-cv-1-col\" ><div class='pt-cv-ifield'><a href=\"https:\/\/www.dmsjuridica.com\/buscador_20179478954\/corteconstitucionalcronologico202454587\/t-458-97\/\" class=\"_self pt-cv-href-thumbnail pt-cv-thumb-default\" target=\"_self\" ><\/a>\n<div class=\"pt-cv-taxoterm above_title\"><a href='https:\/\/www.dmsjuridica.com\/buscador_20179478954\/corteconstitucionalcronologico202454587\/category\/buscar-en-toda-la-corte\/1997\/tutelas-1997\/' title='Tutelas 1997' class='pt-cv-tax-tutelas-1997'>Tutelas 1997<\/a><\/div>\n<h4 class=\"pt-cv-title\"><a href=\"https:\/\/www.dmsjuridica.com\/buscador_20179478954\/corteconstitucionalcronologico202454587\/t-458-97\/\" class=\"_self\" target=\"_self\" >T 458 97<\/a><\/h4>\n<div class=\"pt-cv-content\">T-458-97 Sentencia T-458\/97 SUBORDINACION E INDEFENSION-Pago oportuno de mesadas pensionales por empresa Esta Corporaci\u00f3n ha considerado que las relaciones de car\u00e1cter laboral, incluidas las relaciones entre empresas y pensionados, constituyen el caso paradigm\u00e1tico de subordinaci\u00f3n en cuyo \u00e1mbito la acci\u00f3n de tutela opera como mecanismo de protecci\u00f3n y defensa de los derechos fundamentales de los trabajadores o pensionados. As\u00ed mismo, el fen\u00f3meno de la indefensi\u00f3n se produce cuando el actor no dispone de ning\u00fan medio de defensa judicial distinto de la acci\u00f3n de tutela o cuando las acciones judiciales ordinarias con las que cuenta no son lo suficientemente eficaces para ...<br \/><div class=\"pt-cv-rmwrap\"><a href=\"https:\/\/www.dmsjuridica.com\/buscador_20179478954\/corteconstitucionalcronologico202454587\/t-458-97\/\" class=\"_self pt-cv-readmore btn btn-success\" target=\"_self\">Ver Sentencia Completa...<\/a><\/div><\/div><\/div><\/div>\n<div class=\"col-md-12 col-sm-12 col-xs-12 pt-cv-content-item pt-cv-1-col\" ><div class='pt-cv-ifield'><a href=\"https:\/\/www.dmsjuridica.com\/buscador_20179478954\/corteconstitucionalcronologico202454587\/t-457-97\/\" class=\"_self pt-cv-href-thumbnail pt-cv-thumb-default\" target=\"_self\" ><\/a>\n<div class=\"pt-cv-taxoterm above_title\"><a href='https:\/\/www.dmsjuridica.com\/buscador_20179478954\/corteconstitucionalcronologico202454587\/category\/buscar-en-toda-la-corte\/1997\/tutelas-1997\/' title='Tutelas 1997' class='pt-cv-tax-tutelas-1997'>Tutelas 1997<\/a><\/div>\n<h4 class=\"pt-cv-title\"><a href=\"https:\/\/www.dmsjuridica.com\/buscador_20179478954\/corteconstitucionalcronologico202454587\/t-457-97\/\" class=\"_self\" target=\"_self\" >T 457 97<\/a><\/h4>\n<div class=\"pt-cv-content\">T-457-97 Sentencia T-457\/97 REPRESENTACION A TITULO PROFESIONAL EN TUTELA-Necesidad de acreditar condici\u00f3n de abogado titulado Quien ejerce la acci\u00f3n de tutela a nombre de otro, a t\u00edtulo profesional, en virtud de mandato judicial, es evidente que en tal situaci\u00f3n debe actuar dentro del marco legal siguiendo las reglas propias del ejercicio de la profesi\u00f3n de abogado, raz\u00f3n por la cual debe acreditarse esta condici\u00f3n. ACCION DE TUTELA-Improcedencia por err\u00f3nea interpretaci\u00f3n de le ley ACCION DE TUTELA CONTRA PROVIDENCIAS JUDICIALES-No resoluci\u00f3n cuesti\u00f3n litigiosa por Juez La acci\u00f3n de tutela, en ning\u00fan caso puede utilizarse como recurso procesal anexo para que el ...<br \/><div class=\"pt-cv-rmwrap\"><a href=\"https:\/\/www.dmsjuridica.com\/buscador_20179478954\/corteconstitucionalcronologico202454587\/t-457-97\/\" class=\"_self pt-cv-readmore btn btn-success\" target=\"_self\">Ver Sentencia Completa...<\/a><\/div><\/div><\/div><\/div>\n<div class=\"col-md-12 col-sm-12 col-xs-12 pt-cv-content-item pt-cv-1-col\" ><div class='pt-cv-ifield'><a href=\"https:\/\/www.dmsjuridica.com\/buscador_20179478954\/corteconstitucionalcronologico202454587\/t-455-97\/\" class=\"_self pt-cv-href-thumbnail pt-cv-thumb-default\" target=\"_self\" ><\/a>\n<div class=\"pt-cv-taxoterm above_title\"><a href='https:\/\/www.dmsjuridica.com\/buscador_20179478954\/corteconstitucionalcronologico202454587\/category\/buscar-en-toda-la-corte\/1997\/tutelas-1997\/' title='Tutelas 1997' class='pt-cv-tax-tutelas-1997'>Tutelas 1997<\/a><\/div>\n<h4 class=\"pt-cv-title\"><a href=\"https:\/\/www.dmsjuridica.com\/buscador_20179478954\/corteconstitucionalcronologico202454587\/t-455-97\/\" class=\"_self\" target=\"_self\" >T 455 97<\/a><\/h4>\n<div class=\"pt-cv-content\">T-455-97 Sentencia T-455\/97 DERECHO AL TRABAJO EN CONDICIONES DIGNAS Y JUSTAS-Traslado de docente por enfermedad\/DERECHO A LA SALUD-Traslado de docente por enfermedad PRINCIPIO DE IGUALDAD-Alcance En lo ha se\u00f1alado la jurisprudencia constitucional, el principio de igualdad no equivale a la nivelaci\u00f3n matem\u00e1tica y absoluta de todos los individuos, con prescindencia de la diversidad de hip\u00f3tesis, sino que representa la objetiva actitud y disposici\u00f3n de dar igual trato a quienes est\u00e1n bajo los mismos supuestos y diferente a los que presentan caracter\u00edsticas o circunstancias distintas. Reiteraci\u00f3n de Jurisprudencia Referencia : Expediente No.134406 Peticionario: Luz Mary Alzate Grisales. Magistrado Ponente: Dr. HERNANDO ...<br \/><div class=\"pt-cv-rmwrap\"><a href=\"https:\/\/www.dmsjuridica.com\/buscador_20179478954\/corteconstitucionalcronologico202454587\/t-455-97\/\" class=\"_self pt-cv-readmore btn btn-success\" target=\"_self\">Ver Sentencia Completa...<\/a><\/div><\/div><\/div><\/div>\n<div class=\"col-md-12 col-sm-12 col-xs-12 pt-cv-content-item pt-cv-1-col\" ><div class='pt-cv-ifield'><a href=\"https:\/\/www.dmsjuridica.com\/buscador_20179478954\/corteconstitucionalcronologico202454587\/t-454-97\/\" class=\"_self pt-cv-href-thumbnail pt-cv-thumb-default\" target=\"_self\" ><\/a>\n<div class=\"pt-cv-taxoterm above_title\"><a href='https:\/\/www.dmsjuridica.com\/buscador_20179478954\/corteconstitucionalcronologico202454587\/category\/buscar-en-toda-la-corte\/1997\/tutelas-1997\/' title='Tutelas 1997' class='pt-cv-tax-tutelas-1997'>Tutelas 1997<\/a><\/div>\n<h4 class=\"pt-cv-title\"><a href=\"https:\/\/www.dmsjuridica.com\/buscador_20179478954\/corteconstitucionalcronologico202454587\/t-454-97\/\" class=\"_self\" target=\"_self\" >T 454 97<\/a><\/h4>\n<div class=\"pt-cv-content\">T-454-97 Sentencia T-454\/97 DERECHO DE PETICION EN VIA GUBERNATIVA\/RECURSO EN VIA GUBERNATIVA-Pronta resoluci\u00f3n El derecho de petici\u00f3n como derecho constitucional fundamental no se concreta en presentar peticiones respetuosas a las autoridades, y a obtener de las mismas una pronta respuesta, sino que tambi\u00e9n se hace extensivo a la respuesta pronta y efectiva que se espera de las autoridades, cuando ante ella se ha dado tr\u00e1mite a los recursos administrativos que contra sus actos administrativos procedan. As\u00ed, la v\u00eda gubernativa amen de ser una expresi\u00f3n m\u00e1s del derecho de petici\u00f3n, es por regla general una v\u00eda que debe ser agotada previamente ...<br \/><div class=\"pt-cv-rmwrap\"><a href=\"https:\/\/www.dmsjuridica.com\/buscador_20179478954\/corteconstitucionalcronologico202454587\/t-454-97\/\" class=\"_self pt-cv-readmore btn btn-success\" target=\"_self\">Ver Sentencia Completa...<\/a><\/div><\/div><\/div><\/div>\n<div class=\"col-md-12 col-sm-12 col-xs-12 pt-cv-content-item pt-cv-1-col\" ><div class='pt-cv-ifield'><a href=\"https:\/\/www.dmsjuridica.com\/buscador_20179478954\/corteconstitucionalcronologico202454587\/t-453-97\/\" class=\"_self pt-cv-href-thumbnail pt-cv-thumb-default\" target=\"_self\" ><\/a>\n<div class=\"pt-cv-taxoterm above_title\"><a href='https:\/\/www.dmsjuridica.com\/buscador_20179478954\/corteconstitucionalcronologico202454587\/category\/buscar-en-toda-la-corte\/1997\/tutelas-1997\/' title='Tutelas 1997' class='pt-cv-tax-tutelas-1997'>Tutelas 1997<\/a><\/div>\n<h4 class=\"pt-cv-title\"><a href=\"https:\/\/www.dmsjuridica.com\/buscador_20179478954\/corteconstitucionalcronologico202454587\/t-453-97\/\" class=\"_self\" target=\"_self\" >T 453 97<\/a><\/h4>\n<div class=\"pt-cv-content\">T-453-97 Sentencia T-453\/97 ACCION DE TUTELA CONTRA PROVIDENCIAS JUDICIALES-Improcedencia general\/JUEZ DE TUTELA-Improcedencia de nuevo an\u00e1lisis sobre calificaci\u00f3n del material probatorio salvo equivocaci\u00f3n manifiesta\/PRINCIPIO DE AUTONOMIA FUNCIONAL DEL JUEZ-Improcedencia de nuevo an\u00e1lisis sobre calificaci\u00f3n del material probatorio salvo equivocaci\u00f3n manifiesta. La calificaci\u00f3n del material probatorio no puede ser objeto de un nuevo an\u00e1lisis por parte del juez de tutela, ya que ello equivaldr\u00eda a invadir la \u00f3rbita de competencia del juez natural y de su autonom\u00eda judicial, en lo concerniente a la formaci\u00f3n del convencimiento, salvo que exista una equivocaci\u00f3n manifiesta en la estimaci\u00f3n probatoria.Por ello, en el caso sub examine ...<br \/><div class=\"pt-cv-rmwrap\"><a href=\"https:\/\/www.dmsjuridica.com\/buscador_20179478954\/corteconstitucionalcronologico202454587\/t-453-97\/\" class=\"_self pt-cv-readmore btn btn-success\" target=\"_self\">Ver Sentencia Completa...<\/a><\/div><\/div><\/div><\/div>\n<div class=\"col-md-12 col-sm-12 col-xs-12 pt-cv-content-item pt-cv-1-col\" ><div class='pt-cv-ifield'><a href=\"https:\/\/www.dmsjuridica.com\/buscador_20179478954\/corteconstitucionalcronologico202454587\/t-452-97\/\" class=\"_self pt-cv-href-thumbnail pt-cv-thumb-default\" target=\"_self\" ><\/a>\n<div class=\"pt-cv-taxoterm above_title\"><a href='https:\/\/www.dmsjuridica.com\/buscador_20179478954\/corteconstitucionalcronologico202454587\/category\/buscar-en-toda-la-corte\/1997\/tutelas-1997\/' title='Tutelas 1997' class='pt-cv-tax-tutelas-1997'>Tutelas 1997<\/a><\/div>\n<h4 class=\"pt-cv-title\"><a href=\"https:\/\/www.dmsjuridica.com\/buscador_20179478954\/corteconstitucionalcronologico202454587\/t-452-97\/\" class=\"_self\" target=\"_self\" >T 452 97<\/a><\/h4>\n<div class=\"pt-cv-content\">T-452-97 Sentencia T-452\/97 DERECHO A LA EDUCACION-Funci\u00f3n social El derecho a la educaci\u00f3n debe entenderse como factor de desarrollo humano, su ejercicio es uno de los elementos indispensables para que el ser humano adquiera herramientas que le permitan en forma eficaz desempe\u00f1arse en el medio cultural que habita, recibir y racionalizar la informaci\u00f3n que existe a su alrededor y ampliar sus conocimientos a medida que se desarrolla como individuo; es por ello que la educaci\u00f3n cumple una funci\u00f3n social que hace que dicha garant\u00eda se considere como un derecho deber que genera para las partes del proceso educativo obligaciones rec\u00edprocas ...<br \/><div class=\"pt-cv-rmwrap\"><a href=\"https:\/\/www.dmsjuridica.com\/buscador_20179478954\/corteconstitucionalcronologico202454587\/t-452-97\/\" class=\"_self pt-cv-readmore btn btn-success\" target=\"_self\">Ver Sentencia Completa...<\/a><\/div><\/div><\/div><\/div>\n<div class=\"col-md-12 col-sm-12 col-xs-12 pt-cv-content-item pt-cv-1-col\" ><div class='pt-cv-ifield'><a href=\"https:\/\/www.dmsjuridica.com\/buscador_20179478954\/corteconstitucionalcronologico202454587\/t-451-97\/\" class=\"_self pt-cv-href-thumbnail pt-cv-thumb-default\" target=\"_self\" ><\/a>\n<div class=\"pt-cv-taxoterm above_title\"><a href='https:\/\/www.dmsjuridica.com\/buscador_20179478954\/corteconstitucionalcronologico202454587\/category\/buscar-en-toda-la-corte\/1997\/tutelas-1997\/' title='Tutelas 1997' class='pt-cv-tax-tutelas-1997'>Tutelas 1997<\/a><\/div>\n<h4 class=\"pt-cv-title\"><a href=\"https:\/\/www.dmsjuridica.com\/buscador_20179478954\/corteconstitucionalcronologico202454587\/t-451-97\/\" class=\"_self\" target=\"_self\" >T 451 97<\/a><\/h4>\n<div class=\"pt-cv-content\">T-451-97 Sentencia T-451\/97 ACCION DE TUTELA CONTRA PARTICULARES-Procedencia\/SUBORDINACION-Vinculaci\u00f3n laboral Esta Corporaci\u00f3n,sostuvo que cuando un patrono no efect\u00faa las transferencias de los aportes obrero-patronales de seguridad social, efectivamente deducido de los salarios, como ocurre en el presente caso, amenaza los derechos fundamentales a la vida y a la salud de los trabajadores.Estima la Sala que, en el caso sub examine, existe una estrecha relaci\u00f3n de conexidad entre el derecho fundamental a la seguridad social y los derechos del mismo rango a la vida y la salud de la peticionaria, en virtud a que la conducta negligente del patrono afecta el n\u00facleo ...<br \/><div class=\"pt-cv-rmwrap\"><a href=\"https:\/\/www.dmsjuridica.com\/buscador_20179478954\/corteconstitucionalcronologico202454587\/t-451-97\/\" class=\"_self pt-cv-readmore btn btn-success\" target=\"_self\">Ver Sentencia Completa...<\/a><\/div><\/div><\/div><\/div>\n<div class=\"col-md-12 col-sm-12 col-xs-12 pt-cv-content-item pt-cv-1-col\" ><div class='pt-cv-ifield'><a href=\"https:\/\/www.dmsjuridica.com\/buscador_20179478954\/corteconstitucionalcronologico202454587\/t-450-97\/\" class=\"_self pt-cv-href-thumbnail pt-cv-thumb-default\" target=\"_self\" ><\/a>\n<div class=\"pt-cv-taxoterm above_title\"><a href='https:\/\/www.dmsjuridica.com\/buscador_20179478954\/corteconstitucionalcronologico202454587\/category\/buscar-en-toda-la-corte\/1997\/tutelas-1997\/' title='Tutelas 1997' class='pt-cv-tax-tutelas-1997'>Tutelas 1997<\/a><\/div>\n<h4 class=\"pt-cv-title\"><a href=\"https:\/\/www.dmsjuridica.com\/buscador_20179478954\/corteconstitucionalcronologico202454587\/t-450-97\/\" class=\"_self\" target=\"_self\" >T 450 97<\/a><\/h4>\n<div class=\"pt-cv-content\">T-450-97 Sentencia T-450\/97 DERECHO A LA EDUCACION-Gestiones para provisi\u00f3n de cargos docentes Reiteraci\u00f3n de Jurisprudencia Referencia: Expediente T-133007 Peticionario: Efra\u00edn Castro L\u00f3pez Procedencia: Tribunal Administrativo de Boyac\u00e1. Magistrado Ponente: Dr. HERNANDO HERRERA VERGARA Santa Fe de Bogot\u00e1, D.C., a los dieciocho (18) d\u00edas del mes de septiembre de mil novecientos noventa y siete (1997). Procede la Sala Sexta de Revisi\u00f3n de la Corte Constitucional a revisar la sentencia proferida por el Tribunal Administrativo de Boyac\u00e1, el diecis\u00e9is (16) de abril de 1997, con respecto a la acci\u00f3n de tutela formulada por Efra\u00edn Castro L\u00f3pez contra el Alcalde de Tunja. I ...<br \/><div class=\"pt-cv-rmwrap\"><a href=\"https:\/\/www.dmsjuridica.com\/buscador_20179478954\/corteconstitucionalcronologico202454587\/t-450-97\/\" class=\"_self pt-cv-readmore btn btn-success\" target=\"_self\">Ver Sentencia Completa...<\/a><\/div><\/div><\/div><\/div>\n<div class=\"col-md-12 col-sm-12 col-xs-12 pt-cv-content-item pt-cv-1-col\" ><div class='pt-cv-ifield'><a href=\"https:\/\/www.dmsjuridica.com\/buscador_20179478954\/corteconstitucionalcronologico202454587\/t-449-97\/\" class=\"_self pt-cv-href-thumbnail pt-cv-thumb-default\" target=\"_self\" ><\/a>\n<div class=\"pt-cv-taxoterm above_title\"><a href='https:\/\/www.dmsjuridica.com\/buscador_20179478954\/corteconstitucionalcronologico202454587\/category\/buscar-en-toda-la-corte\/1997\/tutelas-1997\/' title='Tutelas 1997' class='pt-cv-tax-tutelas-1997'>Tutelas 1997<\/a><\/div>\n<h4 class=\"pt-cv-title\"><a href=\"https:\/\/www.dmsjuridica.com\/buscador_20179478954\/corteconstitucionalcronologico202454587\/t-449-97\/\" class=\"_self\" target=\"_self\" >T 449 97<\/a><\/h4>\n<div class=\"pt-cv-content\">T-449-97 Sentencia T-449\/97 ACCION DE TUTELA CONTRA PARTICULARES-Procedencia contra empresa transportadora\/INDEFENSION-Del usuario frente a la empresa transportadora En el presente asunto se est\u00e1 frente a una situaci\u00f3n de indefensi\u00f3n entre la empresa prestadora del servicio de transporte y el accionante como usuario del mismo, quien sufri\u00f3 lesiones con ocasi\u00f3n del accidente de tr\u00e1nsito de uno de los buses de dicha empresa.Como lo ha se\u00f1alado la Corporaci\u00f3n, el estado de indefensi\u00f3n se manifiesta cuando la persona ofendida por la acci\u00f3n u omisi\u00f3n del particular se encuentra inerme o desamparada, es decir, sin medios f\u00edsicos o jur\u00eddicos de defensa o con elementos ...<br \/><div class=\"pt-cv-rmwrap\"><a href=\"https:\/\/www.dmsjuridica.com\/buscador_20179478954\/corteconstitucionalcronologico202454587\/t-449-97\/\" class=\"_self pt-cv-readmore btn btn-success\" target=\"_self\">Ver Sentencia Completa...<\/a><\/div><\/div><\/div><\/div>\n<div class=\"col-md-12 col-sm-12 col-xs-12 pt-cv-content-item pt-cv-1-col\" ><div class='pt-cv-ifield'><a href=\"https:\/\/www.dmsjuridica.com\/buscador_20179478954\/corteconstitucionalcronologico202454587\/t-441-97\/\" class=\"_self pt-cv-href-thumbnail pt-cv-thumb-default\" target=\"_self\" ><\/a>\n<div class=\"pt-cv-taxoterm above_title\"><a href='https:\/\/www.dmsjuridica.com\/buscador_20179478954\/corteconstitucionalcronologico202454587\/category\/buscar-en-toda-la-corte\/1997\/tutelas-1997\/' title='Tutelas 1997' class='pt-cv-tax-tutelas-1997'>Tutelas 1997<\/a><\/div>\n<h4 class=\"pt-cv-title\"><a href=\"https:\/\/www.dmsjuridica.com\/buscador_20179478954\/corteconstitucionalcronologico202454587\/t-441-97\/\" class=\"_self\" target=\"_self\" >T 441 97<\/a><\/h4>\n<div class=\"pt-cv-content\">T-441-97 Sentencia T-441\/97 ACCESO A UNIVERSIDAD PUBLICA-Improcedencia del factor tiempo\/MEDIO DE DEFENSA JUDICIAL INEFICAZ-Ingreso oportuno a la Universidad El grado de educaci\u00f3n acad\u00e9mica de las personas tiene importantes consecuencias tanto en el desarrollo global de una sociedad como en el futuro laboral de las personas. La posibilidad de realizar estudios universitarios le significa a los individuos el acceso a uno de los mecanismos de movilidad social m\u00e1s efectivos. No cabe duda de que el hecho de contar con estudios superiores puede marcar definitivamente el rumbo de la vida de muchas personas. De all\u00ed la impresionante competencia por los escasos cupos ...<br \/><div class=\"pt-cv-rmwrap\"><a href=\"https:\/\/www.dmsjuridica.com\/buscador_20179478954\/corteconstitucionalcronologico202454587\/t-441-97\/\" class=\"_self pt-cv-readmore btn btn-success\" target=\"_self\">Ver Sentencia Completa...<\/a><\/div><\/div><\/div><\/div>\n<div class=\"col-md-12 col-sm-12 col-xs-12 pt-cv-content-item pt-cv-1-col\" ><div class='pt-cv-ifield'><a href=\"https:\/\/www.dmsjuridica.com\/buscador_20179478954\/corteconstitucionalcronologico202454587\/t-440-97\/\" class=\"_self pt-cv-href-thumbnail pt-cv-thumb-default\" target=\"_self\" ><\/a>\n<div class=\"pt-cv-taxoterm above_title\"><a href='https:\/\/www.dmsjuridica.com\/buscador_20179478954\/corteconstitucionalcronologico202454587\/category\/buscar-en-toda-la-corte\/1997\/tutelas-1997\/' title='Tutelas 1997' class='pt-cv-tax-tutelas-1997'>Tutelas 1997<\/a><\/div>\n<h4 class=\"pt-cv-title\"><a href=\"https:\/\/www.dmsjuridica.com\/buscador_20179478954\/corteconstitucionalcronologico202454587\/t-440-97\/\" class=\"_self\" target=\"_self\" >T 440 97<\/a><\/h4>\n<div class=\"pt-cv-content\">T-440-97 Sentencia T-440\/97 MEDIO DE DEFENSA JUDICIAL-Controversia sobre propiedad horizontal El enfrentamiento, causado por la determinaci\u00f3n de la administraci\u00f3n de la propiedad horizontal en el sentido de prohibir el ingreso de la actora al inmueble de su propiedad, es de aquellos que deben ser resueltos por la justicia civil ordinaria a trav\u00e9s del proceso verbal, hoy verbal sumario. Referencia: Expediente T-129624. Actora: Sandra Gonz\u00e1lez Saavedra. Procedencia: Tribunal Superior del Distrito Judicial de Cali, Sala Civil. Magistrado Ponente: Dr. JORGE ARANGO MEJ\u00cdA. Sentencia aprobada en Santaf\u00e9 de Bogot\u00e1, en sesi\u00f3n del diecis\u00e9is (16) de julio de mil novecientos noventa y siete ...<br \/><div class=\"pt-cv-rmwrap\"><a href=\"https:\/\/www.dmsjuridica.com\/buscador_20179478954\/corteconstitucionalcronologico202454587\/t-440-97\/\" class=\"_self pt-cv-readmore btn btn-success\" target=\"_self\">Ver Sentencia Completa...<\/a><\/div><\/div><\/div><\/div>\n<div class=\"col-md-12 col-sm-12 col-xs-12 pt-cv-content-item pt-cv-1-col\" ><div class='pt-cv-ifield'><a href=\"https:\/\/www.dmsjuridica.com\/buscador_20179478954\/corteconstitucionalcronologico202454587\/t-439-97\/\" class=\"_self pt-cv-href-thumbnail pt-cv-thumb-default\" target=\"_self\" ><\/a>\n<div class=\"pt-cv-taxoterm above_title\"><a href='https:\/\/www.dmsjuridica.com\/buscador_20179478954\/corteconstitucionalcronologico202454587\/category\/buscar-en-toda-la-corte\/1997\/tutelas-1997\/' title='Tutelas 1997' class='pt-cv-tax-tutelas-1997'>Tutelas 1997<\/a><\/div>\n<h4 class=\"pt-cv-title\"><a href=\"https:\/\/www.dmsjuridica.com\/buscador_20179478954\/corteconstitucionalcronologico202454587\/t-439-97\/\" class=\"_self\" target=\"_self\" >T 439 97<\/a><\/h4>\n<div class=\"pt-cv-content\">T-439-97 Sentencia T-439\/97 RESOLUCION DE ACUSACION-No es definitiva\/ETAPA DE INSTRUCCI\u00d3N-Proceso penal no se agota\/ETAPA DE JUZGAMIENTO-Modificaci\u00f3n calificaci\u00f3n del tipo penal La resoluci\u00f3n acusatoria, como una de las formas de ponerle fin a la etapa de instrucci\u00f3n en el proceso penal, no es definitiva, ya que en la etapa de juzgamiento, se puedan conjurar las posibles nulidades que aleguen los sujetos procesales, modificar la calificaci\u00f3n del tipo penal o decretar pruebas entre otras actuaciones, para que, de esta manera, se garanticen los derechos del procesado.De ah\u00ed que los jueces o corporaciones que deben tomar la decisi\u00f3n final en materia penal, tienen ...<br \/><div class=\"pt-cv-rmwrap\"><a href=\"https:\/\/www.dmsjuridica.com\/buscador_20179478954\/corteconstitucionalcronologico202454587\/t-439-97\/\" class=\"_self pt-cv-readmore btn btn-success\" target=\"_self\">Ver Sentencia Completa...<\/a><\/div><\/div><\/div><\/div>\n<div class=\"col-md-12 col-sm-12 col-xs-12 pt-cv-content-item pt-cv-1-col\" ><div class='pt-cv-ifield'><a href=\"https:\/\/www.dmsjuridica.com\/buscador_20179478954\/corteconstitucionalcronologico202454587\/t-438-97\/\" class=\"_self pt-cv-href-thumbnail pt-cv-thumb-default\" target=\"_self\" ><\/a>\n<div class=\"pt-cv-taxoterm above_title\"><a href='https:\/\/www.dmsjuridica.com\/buscador_20179478954\/corteconstitucionalcronologico202454587\/category\/buscar-en-toda-la-corte\/1997\/tutelas-1997\/' title='Tutelas 1997' class='pt-cv-tax-tutelas-1997'>Tutelas 1997<\/a><\/div>\n<h4 class=\"pt-cv-title\"><a href=\"https:\/\/www.dmsjuridica.com\/buscador_20179478954\/corteconstitucionalcronologico202454587\/t-438-97\/\" class=\"_self\" target=\"_self\" >T 438 97<\/a><\/h4>\n<div class=\"pt-cv-content\">T-438-97 Sentencia T-438\/97 INDEFENSION DEL PENSIONADO-No pago de mesadas por incumplimento cotizaci\u00f3n por empleador El pensionado es normalmente d\u00e9bil y, si bien no siempre pertenece a la tercera edad, es casi seguro que las mesadas pensionales habr\u00e1n de constituir su \u00fanico ingreso o la parte m\u00e1s importante del mismo. En muchos casos, se trata de personas que no est\u00e1n en capacidad para procurarse los medios de subsistencia, ni de ejercer por s\u00ed mismas su defensa. Su energ\u00eda f\u00edsica e intelectual se ha ido deteriorando, se encuentran en estado de abandono o son v\u00edctimas de discriminaci\u00f3n. Es lo corriente que dependan ...<br \/><div class=\"pt-cv-rmwrap\"><a href=\"https:\/\/www.dmsjuridica.com\/buscador_20179478954\/corteconstitucionalcronologico202454587\/t-438-97\/\" class=\"_self pt-cv-readmore btn btn-success\" target=\"_self\">Ver Sentencia Completa...<\/a><\/div><\/div><\/div><\/div>\n<div class=\"col-md-12 col-sm-12 col-xs-12 pt-cv-content-item pt-cv-1-col\" ><div class='pt-cv-ifield'><a href=\"https:\/\/www.dmsjuridica.com\/buscador_20179478954\/corteconstitucionalcronologico202454587\/t-437-97\/\" class=\"_self pt-cv-href-thumbnail pt-cv-thumb-default\" target=\"_self\" ><\/a>\n<div class=\"pt-cv-taxoterm above_title\"><a href='https:\/\/www.dmsjuridica.com\/buscador_20179478954\/corteconstitucionalcronologico202454587\/category\/buscar-en-toda-la-corte\/1997\/tutelas-1997\/' title='Tutelas 1997' class='pt-cv-tax-tutelas-1997'>Tutelas 1997<\/a><\/div>\n<h4 class=\"pt-cv-title\"><a href=\"https:\/\/www.dmsjuridica.com\/buscador_20179478954\/corteconstitucionalcronologico202454587\/t-437-97\/\" class=\"_self\" target=\"_self\" >T 437 97<\/a><\/h4>\n<div class=\"pt-cv-content\">T-437-97 Sentencia T-437\/97 ENTIDAD PROMOTORA DE SALUD-R\u00e9gimen general que excluye preexistencias\/ ENTIDAD PROMOTORA DE SALUD-R\u00e9gimen excepcional por servicios de alto costo Es claro que la norma legal distingue dos tipos de situaciones respecto de la atenci\u00f3n a los afiliados y beneficiarios de las E.P.S.: un r\u00e9gimen general que excluye toda clase de preexistencias y uno excepcional -servicios de alto costo-, que permite la sujeci\u00f3n a per\u00edodos m\u00ednimos de cotizaci\u00f3n que en ning\u00fan caso pueden exceder las 100 semanas de afiliaci\u00f3n al sistema.Es evidente el car\u00e1cter excepcional de la hip\u00f3tesis en la cual deba el afiliado haber cotizado un m\u00ednimo de ...<br \/><div class=\"pt-cv-rmwrap\"><a href=\"https:\/\/www.dmsjuridica.com\/buscador_20179478954\/corteconstitucionalcronologico202454587\/t-437-97\/\" class=\"_self pt-cv-readmore btn btn-success\" target=\"_self\">Ver Sentencia Completa...<\/a><\/div><\/div><\/div><\/div>\n<div class=\"col-md-12 col-sm-12 col-xs-12 pt-cv-content-item pt-cv-1-col\" ><div class='pt-cv-ifield'><a href=\"https:\/\/www.dmsjuridica.com\/buscador_20179478954\/corteconstitucionalcronologico202454587\/t-436-97\/\" class=\"_self pt-cv-href-thumbnail pt-cv-thumb-default\" target=\"_self\" ><\/a>\n<div class=\"pt-cv-taxoterm above_title\"><a href='https:\/\/www.dmsjuridica.com\/buscador_20179478954\/corteconstitucionalcronologico202454587\/category\/buscar-en-toda-la-corte\/1997\/tutelas-1997\/' title='Tutelas 1997' class='pt-cv-tax-tutelas-1997'>Tutelas 1997<\/a><\/div>\n<h4 class=\"pt-cv-title\"><a href=\"https:\/\/www.dmsjuridica.com\/buscador_20179478954\/corteconstitucionalcronologico202454587\/t-436-97\/\" class=\"_self\" target=\"_self\" >T 436 97<\/a><\/h4>\n<div class=\"pt-cv-content\">T-436-97 Sentencia T-436\/97 ENTIDAD PROMOTORA DE SALUD-Servicios asistenciales a sus afiliados INSTITUTO DE SEGUROS SOCIALES-Atenci\u00f3n m\u00e9dica condicionada a car\u00e1cter de afiliado o beneficiario Referencia: Expediente T-131795 Acci\u00f3n de Tutela instaurada por Sixto Aurelio Hernandez Cruz contra el Instituto de Seguros Sociales. Magistrado Ponente: Dr. JOSE GREGORIO HERNANDEZ GALINDO Sentencia aprobada en Santa Fe de Bogot\u00e1, D.C., a los diez (10) d\u00edas del mes de septiembre de mil novecientos noventa y siete (1997) Se revisa el fallo proferido en el asunto de la referencia por el Juzgado 62 Penal Municipal de Santa Fe de Bogot\u00e1. I. INFORMACION PRELIMINAR Invoc\u00f3 el actor ...<br \/><div class=\"pt-cv-rmwrap\"><a href=\"https:\/\/www.dmsjuridica.com\/buscador_20179478954\/corteconstitucionalcronologico202454587\/t-436-97\/\" class=\"_self pt-cv-readmore btn btn-success\" target=\"_self\">Ver Sentencia Completa...<\/a><\/div><\/div><\/div><\/div>\n<div class=\"col-md-12 col-sm-12 col-xs-12 pt-cv-content-item pt-cv-1-col\" ><div class='pt-cv-ifield'><a href=\"https:\/\/www.dmsjuridica.com\/buscador_20179478954\/corteconstitucionalcronologico202454587\/t-435-97\/\" class=\"_self pt-cv-href-thumbnail pt-cv-thumb-default\" target=\"_self\" ><\/a>\n<div class=\"pt-cv-taxoterm above_title\"><a href='https:\/\/www.dmsjuridica.com\/buscador_20179478954\/corteconstitucionalcronologico202454587\/category\/buscar-en-toda-la-corte\/1997\/tutelas-1997\/' title='Tutelas 1997' class='pt-cv-tax-tutelas-1997'>Tutelas 1997<\/a><\/div>\n<h4 class=\"pt-cv-title\"><a href=\"https:\/\/www.dmsjuridica.com\/buscador_20179478954\/corteconstitucionalcronologico202454587\/t-435-97\/\" class=\"_self\" target=\"_self\" >T 435 97<\/a><\/h4>\n<div class=\"pt-cv-content\">T-435-97 Sentencia T-435\/97 ACCION DE TUTELA CONTRA PARTICULARES-Procedencia excepcional SERVIDOR PUBLICO COMO PARTICULAR-Actuaci\u00f3n sin vinculaci\u00f3n alguna con funciones a su cargo\/ACCION DE TUTELA CONTRA SERVIDOR PUBLICO-En relaci\u00f3n con sus funciones no se equipara al particular ESTABLECIMIENTO CARCELARIO-Comercializaci\u00f3n de productos elaborados por reclusos DERECHO DE PETICION DEL INTERNO A juicio de la Corte, una cosa es que se exija al condenado pagar la pena impuesta y otra bien distinta que se le conculquen derechos inalienables o que se ignore su dignidad humana, que, en todo caso, conserva no obstante sus antecedentes.Por ello, los condenados -y con mayor raz\u00f3n los apenas detenidos- ...<br \/><div class=\"pt-cv-rmwrap\"><a href=\"https:\/\/www.dmsjuridica.com\/buscador_20179478954\/corteconstitucionalcronologico202454587\/t-435-97\/\" class=\"_self pt-cv-readmore btn btn-success\" target=\"_self\">Ver Sentencia Completa...<\/a><\/div><\/div><\/div><\/div>\n<div class=\"col-md-12 col-sm-12 col-xs-12 pt-cv-content-item pt-cv-1-col\" ><div class='pt-cv-ifield'><a href=\"https:\/\/www.dmsjuridica.com\/buscador_20179478954\/corteconstitucionalcronologico202454587\/t-434-97\/\" class=\"_self pt-cv-href-thumbnail pt-cv-thumb-default\" target=\"_self\" ><\/a>\n<div class=\"pt-cv-taxoterm above_title\"><a href='https:\/\/www.dmsjuridica.com\/buscador_20179478954\/corteconstitucionalcronologico202454587\/category\/buscar-en-toda-la-corte\/1997\/tutelas-1997\/' title='Tutelas 1997' class='pt-cv-tax-tutelas-1997'>Tutelas 1997<\/a><\/div>\n<h4 class=\"pt-cv-title\"><a href=\"https:\/\/www.dmsjuridica.com\/buscador_20179478954\/corteconstitucionalcronologico202454587\/t-434-97\/\" class=\"_self\" target=\"_self\" >T 434 97<\/a><\/h4>\n<div class=\"pt-cv-content\">T-434-97 Sentencia T-434\/97 Si la acci\u00f3n de tutela tiene por objeto espec\u00edfico y exclusivo la protecci\u00f3n inmediata de los derechos fundamentales que han sido o son violados o que est\u00e1n amenazados por conductas positivas o negativas de autoridades p\u00fablicas o de particulares, resulta evidente que la discusi\u00f3n acerca de la cuant\u00eda de prestaciones sociales o econ\u00f3micas escapa en principio al \u00e1mbito que le es propio, ya que tal elemento proviene, no de la Constituci\u00f3n Pol\u00edtica sino de la ley.No se encuentra la Corte ante un conflicto de naturaleza constitucional, ni puede afirmarse que, per se, con una determinada manera de ...<br \/><div class=\"pt-cv-rmwrap\"><a href=\"https:\/\/www.dmsjuridica.com\/buscador_20179478954\/corteconstitucionalcronologico202454587\/t-434-97\/\" class=\"_self pt-cv-readmore btn btn-success\" target=\"_self\">Ver Sentencia Completa...<\/a><\/div><\/div><\/div><\/div>\n<div class=\"col-md-12 col-sm-12 col-xs-12 pt-cv-content-item pt-cv-1-col\" ><div class='pt-cv-ifield'><a href=\"https:\/\/www.dmsjuridica.com\/buscador_20179478954\/corteconstitucionalcronologico202454587\/t-433-97\/\" class=\"_self pt-cv-href-thumbnail pt-cv-thumb-default\" target=\"_self\" ><\/a>\n<div class=\"pt-cv-taxoterm above_title\"><a href='https:\/\/www.dmsjuridica.com\/buscador_20179478954\/corteconstitucionalcronologico202454587\/category\/buscar-en-toda-la-corte\/1997\/tutelas-1997\/' title='Tutelas 1997' class='pt-cv-tax-tutelas-1997'>Tutelas 1997<\/a><\/div>\n<h4 class=\"pt-cv-title\"><a href=\"https:\/\/www.dmsjuridica.com\/buscador_20179478954\/corteconstitucionalcronologico202454587\/t-433-97\/\" class=\"_self\" target=\"_self\" >T 433 97<\/a><\/h4>\n<div class=\"pt-cv-content\">T-433-97 Sentencia T-433\/97 DERECHO A LA EDUCACION-Formaci\u00f3n integral de calidad\/DERECHO A LA EDUCACION-Afectaci\u00f3n por baja calidad El deber del Estado de garantizar el derecho a la educaci\u00f3n, no se agota en el momento en que el estudiante accede al sistema, es decir, que no basta para su realizaci\u00f3n plena con que el individuo tenga la real posibilidad, en el caso de la educaci\u00f3n superior, de ingresar a una universidad p\u00fablica si previamente ha demostrado las calidades que se exigen para adelantar una determinada carrera, se requiere paralelamente del ofrecimiento por parte de la respectiva instituci\u00f3n, de una educaci\u00f3n que garantice ...<br \/><div class=\"pt-cv-rmwrap\"><a href=\"https:\/\/www.dmsjuridica.com\/buscador_20179478954\/corteconstitucionalcronologico202454587\/t-433-97\/\" class=\"_self pt-cv-readmore btn btn-success\" target=\"_self\">Ver Sentencia Completa...<\/a><\/div><\/div><\/div><\/div>\n<div class=\"col-md-12 col-sm-12 col-xs-12 pt-cv-content-item pt-cv-1-col\" ><div class='pt-cv-ifield'><a href=\"https:\/\/www.dmsjuridica.com\/buscador_20179478954\/corteconstitucionalcronologico202454587\/t-432-97\/\" class=\"_self pt-cv-href-thumbnail pt-cv-thumb-default\" target=\"_self\" ><\/a>\n<div class=\"pt-cv-taxoterm above_title\"><a href='https:\/\/www.dmsjuridica.com\/buscador_20179478954\/corteconstitucionalcronologico202454587\/category\/buscar-en-toda-la-corte\/1997\/tutelas-1997\/' title='Tutelas 1997' class='pt-cv-tax-tutelas-1997'>Tutelas 1997<\/a><\/div>\n<h4 class=\"pt-cv-title\"><a href=\"https:\/\/www.dmsjuridica.com\/buscador_20179478954\/corteconstitucionalcronologico202454587\/t-432-97\/\" class=\"_self\" target=\"_self\" >T 432 97<\/a><\/h4>\n<div class=\"pt-cv-content\">T-432-97 Sentencia T-432\/97 PROCESO PENAL-Mayor cantidad de garant\u00edas constitucionales para el procesado Por la trascendencia de los bienes jur\u00eddicamente protegidos a trav\u00e9s de la ley penal, y por la importancia de los derechos y garant\u00edas constitucionales que pueden resultar afectados por la condena, el proceso penal es no s\u00f3lo el m\u00e1s minuciosamente reglado de los procesos, sino aqu\u00e9l en el que m\u00e1s garant\u00edas constitucionales deben hacerse efectivas al procesado. JUEZ PENAL-Aplicaci\u00f3n del debido proceso El ordenamiento colombiano encarga al juez, tercero ajeno a los intereses de cada una de las partes, de arbitrar las relaciones entre las personas que las ...<br \/><div class=\"pt-cv-rmwrap\"><a href=\"https:\/\/www.dmsjuridica.com\/buscador_20179478954\/corteconstitucionalcronologico202454587\/t-432-97\/\" class=\"_self pt-cv-readmore btn btn-success\" target=\"_self\">Ver Sentencia Completa...<\/a><\/div><\/div><\/div><\/div>\n<div class=\"col-md-12 col-sm-12 col-xs-12 pt-cv-content-item pt-cv-1-col\" ><div class='pt-cv-ifield'><a href=\"https:\/\/www.dmsjuridica.com\/buscador_20179478954\/corteconstitucionalcronologico202454587\/t-420-97\/\" class=\"_self pt-cv-href-thumbnail pt-cv-thumb-default\" target=\"_self\" ><\/a>\n<div class=\"pt-cv-taxoterm above_title\"><a href='https:\/\/www.dmsjuridica.com\/buscador_20179478954\/corteconstitucionalcronologico202454587\/category\/buscar-en-toda-la-corte\/1997\/tutelas-1997\/' title='Tutelas 1997' class='pt-cv-tax-tutelas-1997'>Tutelas 1997<\/a><\/div>\n<h4 class=\"pt-cv-title\"><a href=\"https:\/\/www.dmsjuridica.com\/buscador_20179478954\/corteconstitucionalcronologico202454587\/t-420-97\/\" class=\"_self\" target=\"_self\" >T 420 97<\/a><\/h4>\n<div class=\"pt-cv-content\">T-420-97 Sentencia T-420\/97 DEFENSOR DEL PUEBLO-Legitimaci\u00f3n para interponer tutela De las normas se desprende que el Defensor del Pueblo s\u00f3lo puede interponer acci\u00f3n de tutela cuando sucede alguno de estos eventos : que lo haga a nombre de una persona que se lo solicite, o que la persona est\u00e9 en situaci\u00f3n de desamparo e indefensi\u00f3n. La jurisprudencia de la Corte se ha limitado a aplicar lo ordenado por la Constituci\u00f3n y la ley en cuanto al campo de acci\u00f3n del agente oficioso, del Defensor del Pueblo y de los Personeros Municipales, en el sentido de no pasar por encima del ...<br \/><div class=\"pt-cv-rmwrap\"><a href=\"https:\/\/www.dmsjuridica.com\/buscador_20179478954\/corteconstitucionalcronologico202454587\/t-420-97\/\" class=\"_self pt-cv-readmore btn btn-success\" target=\"_self\">Ver Sentencia Completa...<\/a><\/div><\/div><\/div><\/div>\n<div class=\"col-md-12 col-sm-12 col-xs-12 pt-cv-content-item pt-cv-1-col\" ><div class='pt-cv-ifield'><a href=\"https:\/\/www.dmsjuridica.com\/buscador_20179478954\/corteconstitucionalcronologico202454587\/t-419-97\/\" class=\"_self pt-cv-href-thumbnail pt-cv-thumb-default\" target=\"_self\" ><\/a>\n<div class=\"pt-cv-taxoterm above_title\"><a href='https:\/\/www.dmsjuridica.com\/buscador_20179478954\/corteconstitucionalcronologico202454587\/category\/buscar-en-toda-la-corte\/1997\/tutelas-1997\/' title='Tutelas 1997' class='pt-cv-tax-tutelas-1997'>Tutelas 1997<\/a><\/div>\n<h4 class=\"pt-cv-title\"><a href=\"https:\/\/www.dmsjuridica.com\/buscador_20179478954\/corteconstitucionalcronologico202454587\/t-419-97\/\" class=\"_self\" target=\"_self\" >T 419 97<\/a><\/h4>\n<div class=\"pt-cv-content\">T-419-97 DERECHO DE PETICION-N\u00facleo esencial Como lo ha reiterado esta Corporaci\u00f3n, el n\u00facleo esencial del derecho de petici\u00f3n comprende la respuesta pronta y oportuna a la reclamaci\u00f3n que se formula ante la respectiva autoridad, pues de nada servir\u00eda dirigirse a ellas si no resuelven o se reservan el sentido de lo decidido. As\u00ed pues, la respuesta para que sea oportuna en los t\u00e9rminos previstos en las normas constitucionales y legales, tiene que comprender y resolver el fondo de lo pedido y ser comunicada al peticionario, ya que el derecho fundamental del que se trata comprende la posibilidad de conocer, transcurrido ...<br \/><div class=\"pt-cv-rmwrap\"><a href=\"https:\/\/www.dmsjuridica.com\/buscador_20179478954\/corteconstitucionalcronologico202454587\/t-419-97\/\" class=\"_self pt-cv-readmore btn btn-success\" target=\"_self\">Ver Sentencia Completa...<\/a><\/div><\/div><\/div><\/div>\n<div class=\"col-md-12 col-sm-12 col-xs-12 pt-cv-content-item pt-cv-1-col\" ><div class='pt-cv-ifield'><a href=\"https:\/\/www.dmsjuridica.com\/buscador_20179478954\/corteconstitucionalcronologico202454587\/t-418-97\/\" class=\"_self pt-cv-href-thumbnail pt-cv-thumb-default\" target=\"_self\" ><\/a>\n<div class=\"pt-cv-taxoterm above_title\"><a href='https:\/\/www.dmsjuridica.com\/buscador_20179478954\/corteconstitucionalcronologico202454587\/category\/buscar-en-toda-la-corte\/1997\/tutelas-1997\/' title='Tutelas 1997' class='pt-cv-tax-tutelas-1997'>Tutelas 1997<\/a><\/div>\n<h4 class=\"pt-cv-title\"><a href=\"https:\/\/www.dmsjuridica.com\/buscador_20179478954\/corteconstitucionalcronologico202454587\/t-418-97\/\" class=\"_self\" target=\"_self\" >T 418 97<\/a><\/h4>\n<div class=\"pt-cv-content\">T-418-97 Sentencia T-418\/97 ACCION DE TUTELA CONTRA ACTO DE TRAMITE EN PROCESO DISCIPLINARIO-Procedencia definitiva PROCESO DISCIPLINARIO-Demostraci\u00f3n objetiva de falta mediante pruebas AUTO DE FORMULACION DE CARGOS-Providencia de tr\u00e1mite\/AUTO DE FORMULACION DE CARGOS-Objeto de tutela por actuaci\u00f3n irrazonable con abuso de poder por funcionario El auto de formulaci\u00f3n de cargos es una providencia de tr\u00e1mite que sienta los cimientos sobre los cuales se edifica el proceso disciplinario destinado a establecer la responsabilidad disciplinaria del inculpado, de modo que el \u00f3rgano titular del poder disciplinario fija en aqu\u00e9lla el objeto de su actuaci\u00f3n y le se\u00f1ala al imputado, en forma concreta, cual ...<br \/><div class=\"pt-cv-rmwrap\"><a href=\"https:\/\/www.dmsjuridica.com\/buscador_20179478954\/corteconstitucionalcronologico202454587\/t-418-97\/\" class=\"_self pt-cv-readmore btn btn-success\" target=\"_self\">Ver Sentencia Completa...<\/a><\/div><\/div><\/div><\/div>\n<div class=\"col-md-12 col-sm-12 col-xs-12 pt-cv-content-item pt-cv-1-col\" ><div class='pt-cv-ifield'><a href=\"https:\/\/www.dmsjuridica.com\/buscador_20179478954\/corteconstitucionalcronologico202454587\/t-417-97\/\" class=\"_self pt-cv-href-thumbnail pt-cv-thumb-default\" target=\"_self\" ><\/a>\n<div class=\"pt-cv-taxoterm above_title\"><a href='https:\/\/www.dmsjuridica.com\/buscador_20179478954\/corteconstitucionalcronologico202454587\/category\/buscar-en-toda-la-corte\/1997\/tutelas-1997\/' title='Tutelas 1997' class='pt-cv-tax-tutelas-1997'>Tutelas 1997<\/a><\/div>\n<h4 class=\"pt-cv-title\"><a href=\"https:\/\/www.dmsjuridica.com\/buscador_20179478954\/corteconstitucionalcronologico202454587\/t-417-97\/\" class=\"_self\" target=\"_self\" >T 417 97<\/a><\/h4>\n<div class=\"pt-cv-content\">T-417-97 Sentencia T-417\/97 RECONOCIMIENTO DE PENSION DE INVALIDEZ-Oportunidad para controvertir valoraci\u00f3n m\u00e9dica La decisi\u00f3n sobre el reconocimiento o no de la pensi\u00f3n de invalidez debe someterse a un procedimiento administrativo dentro del cual deben observarse las reglas del debido proceso. Por consiguiente, el interesado tiene los derechos propios de todo interviniente en una actuaci\u00f3n administrativa y, especialmente, el derecho a que se d\u00e9 la oportunidad de controvertir la calificaci\u00f3n o valoraci\u00f3n m\u00e9dica relativa a la disminuci\u00f3n de su capacidad laboral, lo cual determina que se le considere o no como invalido y a que se le otorgue o no la ...<br \/><div class=\"pt-cv-rmwrap\"><a href=\"https:\/\/www.dmsjuridica.com\/buscador_20179478954\/corteconstitucionalcronologico202454587\/t-417-97\/\" class=\"_self pt-cv-readmore btn btn-success\" target=\"_self\">Ver Sentencia Completa...<\/a><\/div><\/div><\/div><\/div>\n<div class=\"col-md-12 col-sm-12 col-xs-12 pt-cv-content-item pt-cv-1-col\" ><div class='pt-cv-ifield'><a href=\"https:\/\/www.dmsjuridica.com\/buscador_20179478954\/corteconstitucionalcronologico202454587\/t-416-97\/\" class=\"_self pt-cv-href-thumbnail pt-cv-thumb-default\" target=\"_self\" ><\/a>\n<div class=\"pt-cv-taxoterm above_title\"><a href='https:\/\/www.dmsjuridica.com\/buscador_20179478954\/corteconstitucionalcronologico202454587\/category\/buscar-en-toda-la-corte\/1997\/tutelas-1997\/' title='Tutelas 1997' class='pt-cv-tax-tutelas-1997'>Tutelas 1997<\/a><\/div>\n<h4 class=\"pt-cv-title\"><a href=\"https:\/\/www.dmsjuridica.com\/buscador_20179478954\/corteconstitucionalcronologico202454587\/t-416-97\/\" class=\"_self\" target=\"_self\" >T 416 97<\/a><\/h4>\n<div class=\"pt-cv-content\">T-416-97 Sentencia T-416\/97 LEGITIMACION EN LA CAUSA-Objeto La legitimaci\u00f3n en la causa es un presupuesto de la sentencia de fondo porque otorga a las partes el derecho a que el juez se pronuncie sobre el m\u00e9rito de las pretensiones del actor y las razones de la oposici\u00f3n por el demandado, mediante sentencia favorable o desfavorable. Es una calidad subjetiva de las partes en relaci\u00f3n con el inter\u00e9s sustancial que se discute en el proceso. Por tanto, cuando una de las partes carece de dicha calidad o atributo, no puede el juez adoptar una decisi\u00f3n de m\u00e9rito y debe entonces simplemente ...<br \/><div class=\"pt-cv-rmwrap\"><a href=\"https:\/\/www.dmsjuridica.com\/buscador_20179478954\/corteconstitucionalcronologico202454587\/t-416-97\/\" class=\"_self pt-cv-readmore btn btn-success\" target=\"_self\">Ver Sentencia Completa...<\/a><\/div><\/div><\/div><\/div>\n<div class=\"col-md-12 col-sm-12 col-xs-12 pt-cv-content-item pt-cv-1-col\" ><div class='pt-cv-ifield'><a href=\"https:\/\/www.dmsjuridica.com\/buscador_20179478954\/corteconstitucionalcronologico202454587\/t-415-97\/\" class=\"_self pt-cv-href-thumbnail pt-cv-thumb-default\" target=\"_self\" ><\/a>\n<div class=\"pt-cv-taxoterm above_title\"><a href='https:\/\/www.dmsjuridica.com\/buscador_20179478954\/corteconstitucionalcronologico202454587\/category\/buscar-en-toda-la-corte\/1997\/tutelas-1997\/' title='Tutelas 1997' class='pt-cv-tax-tutelas-1997'>Tutelas 1997<\/a><\/div>\n<h4 class=\"pt-cv-title\"><a href=\"https:\/\/www.dmsjuridica.com\/buscador_20179478954\/corteconstitucionalcronologico202454587\/t-415-97\/\" class=\"_self\" target=\"_self\" >T 415 97<\/a><\/h4>\n<div class=\"pt-cv-content\">T-415-97 Sentencia T-415\/97 AGENCIA OFICIOSA EN TUTELA-Manifestaci\u00f3n de no estar en condiciones de promover su propia defensa De conformidad con las normas constitucionales y legales que rigen el procedimiento de la acci\u00f3n de tutela, esta puede ejercerse por un tercero, a trav\u00e9s de la agencia oficiosa, \"cuando el titular de los derechos no est\u00e9 en condiciones de promover su propia defensa\", de tal manera que cuando tal circunstancia ocurra, deber\u00e1 manifestarse en la solicitud. Referencia: Expediente T-132.954 Peticionario: H\u00e9ctor de Jes\u00fas Muriel Arias contra el cabo Edwin de Jes\u00fas Cogollo Jim\u00e9nez y el dragoneante Jhon Jairo Grajales Escudero. Magistrado Ponente: ...<br \/><div class=\"pt-cv-rmwrap\"><a href=\"https:\/\/www.dmsjuridica.com\/buscador_20179478954\/corteconstitucionalcronologico202454587\/t-415-97\/\" class=\"_self pt-cv-readmore btn btn-success\" target=\"_self\">Ver Sentencia Completa...<\/a><\/div><\/div><\/div><\/div>\n<div class=\"col-md-12 col-sm-12 col-xs-12 pt-cv-content-item pt-cv-1-col\" ><div class='pt-cv-ifield'><a href=\"https:\/\/www.dmsjuridica.com\/buscador_20179478954\/corteconstitucionalcronologico202454587\/t-414-97\/\" class=\"_self pt-cv-href-thumbnail pt-cv-thumb-default\" target=\"_self\" ><\/a>\n<div class=\"pt-cv-taxoterm above_title\"><a href='https:\/\/www.dmsjuridica.com\/buscador_20179478954\/corteconstitucionalcronologico202454587\/category\/buscar-en-toda-la-corte\/1997\/tutelas-1997\/' title='Tutelas 1997' class='pt-cv-tax-tutelas-1997'>Tutelas 1997<\/a><\/div>\n<h4 class=\"pt-cv-title\"><a href=\"https:\/\/www.dmsjuridica.com\/buscador_20179478954\/corteconstitucionalcronologico202454587\/t-414-97\/\" class=\"_self\" target=\"_self\" >T 414 97<\/a><\/h4>\n<div class=\"pt-cv-content\">T-414-97 Sentencia T-414\/97 DERECHO A LA PROPIEDAD-No es de manera absoluta e invariable un derecho fundamental DERECHO A LA PROPIEDAD-No devoluci\u00f3n cuota inicial para vivienda de inter\u00e9s social Referencia: Expediente T-131153 Acci\u00f3n de tutela instaurada por Jes\u00fas Mar\u00eda Lara Sarria contra INVICALI, hoy Secretar\u00eda de Vivienda Social del Municipio de Cali. Magistrado Ponente: Dr. JOSE GREGORIO HERNANDEZ GALINDO Sentencia aprobada en Santa Fe de Bogot\u00e1, D.C., a los veintiocho (28) d\u00edas del mes de agosto de mil novecientos noventa y siete (1997). Se revisan los fallos proferidos por el Juzgado 8 Civil del Circuito de Cali, el siete (7) de ...<br \/><div class=\"pt-cv-rmwrap\"><a href=\"https:\/\/www.dmsjuridica.com\/buscador_20179478954\/corteconstitucionalcronologico202454587\/t-414-97\/\" class=\"_self pt-cv-readmore btn btn-success\" target=\"_self\">Ver Sentencia Completa...<\/a><\/div><\/div><\/div><\/div>\n<div class=\"col-md-12 col-sm-12 col-xs-12 pt-cv-content-item pt-cv-1-col\" ><div class='pt-cv-ifield'><a href=\"https:\/\/www.dmsjuridica.com\/buscador_20179478954\/corteconstitucionalcronologico202454587\/t-413-97\/\" class=\"_self pt-cv-href-thumbnail pt-cv-thumb-default\" target=\"_self\" ><\/a>\n<div class=\"pt-cv-taxoterm above_title\"><a href='https:\/\/www.dmsjuridica.com\/buscador_20179478954\/corteconstitucionalcronologico202454587\/category\/buscar-en-toda-la-corte\/1997\/tutelas-1997\/' title='Tutelas 1997' class='pt-cv-tax-tutelas-1997'>Tutelas 1997<\/a><\/div>\n<h4 class=\"pt-cv-title\"><a href=\"https:\/\/www.dmsjuridica.com\/buscador_20179478954\/corteconstitucionalcronologico202454587\/t-413-97\/\" class=\"_self\" target=\"_self\" >T 413 97<\/a><\/h4>\n<div class=\"pt-cv-content\">T-413-97 Sentencia T-413\/97 DERECHO A LA PROPIEDAD-No es de manera absoluta e invariable un derecho fundamental Reitera la Corte que el de propiedad no es, de manera absoluta e invariable, un derecho fundamental y, por tanto, en principio, no es la acci\u00f3n de tutela el mecanismo adecuado para su protecci\u00f3n. La normatividad, en los campos civil, comercial, administrativo y policivo, regula extensamente el tema de la propiedad y consagra acciones y procedimientos encaminados a su protecci\u00f3n. Mal podr\u00eda afirmarse que un derecho relativizado por la prevalencia del inter\u00e9s colectivo y sometido a numerosas restricciones y l\u00edmites, respecto del cual caben ...<br \/><div class=\"pt-cv-rmwrap\"><a href=\"https:\/\/www.dmsjuridica.com\/buscador_20179478954\/corteconstitucionalcronologico202454587\/t-413-97\/\" class=\"_self pt-cv-readmore btn btn-success\" target=\"_self\">Ver Sentencia Completa...<\/a><\/div><\/div><\/div><\/div>\n<div class=\"col-md-12 col-sm-12 col-xs-12 pt-cv-content-item pt-cv-1-col\" ><div class='pt-cv-ifield'><a href=\"https:\/\/www.dmsjuridica.com\/buscador_20179478954\/corteconstitucionalcronologico202454587\/t-399-97\/\" class=\"_self pt-cv-href-thumbnail pt-cv-thumb-default\" target=\"_self\" ><\/a>\n<div class=\"pt-cv-taxoterm above_title\"><a href='https:\/\/www.dmsjuridica.com\/buscador_20179478954\/corteconstitucionalcronologico202454587\/category\/buscar-en-toda-la-corte\/1997\/tutelas-1997\/' title='Tutelas 1997' class='pt-cv-tax-tutelas-1997'>Tutelas 1997<\/a><\/div>\n<h4 class=\"pt-cv-title\"><a href=\"https:\/\/www.dmsjuridica.com\/buscador_20179478954\/corteconstitucionalcronologico202454587\/t-399-97\/\" class=\"_self\" target=\"_self\" >T 399 97<\/a><\/h4>\n<div class=\"pt-cv-content\">T-399-97 Sentencia T-399\/97 DERECHO A LA IGUALDAD-Distinci\u00f3n injustificada para reajuste pensional\/JUEZ DE TUTELA-No puede generar conductas discriminatorias\/DOCTRINA CONSTITUCIONAL EN TUTELA-Casos id\u00e9nticos Esta Corte decidi\u00f3 un caso esencialmente id\u00e9ntico al que ahora se analiza. En aquella oportunidad concluy\u00f3 la Corte que el Consejo Superior Universitario, al expedir la Resoluci\u00f3n hab\u00eda violado el derecho a la igualdad al establecer en ella distinciones injustificadas entre uno y otro grupo de pensionados. En efecto, al restringir el beneficio del reajuste de mesadas s\u00f3lo a aquellas personas a las que se les hab\u00eda reconocido su pensi\u00f3n antes de 1988 y que hubieran laborado para la ...<br \/><div class=\"pt-cv-rmwrap\"><a href=\"https:\/\/www.dmsjuridica.com\/buscador_20179478954\/corteconstitucionalcronologico202454587\/t-399-97\/\" class=\"_self pt-cv-readmore btn btn-success\" target=\"_self\">Ver Sentencia Completa...<\/a><\/div><\/div><\/div><\/div>\n<div class=\"col-md-12 col-sm-12 col-xs-12 pt-cv-content-item pt-cv-1-col\" ><div class='pt-cv-ifield'><a href=\"https:\/\/www.dmsjuridica.com\/buscador_20179478954\/corteconstitucionalcronologico202454587\/t-398-97\/\" class=\"_self pt-cv-href-thumbnail pt-cv-thumb-default\" target=\"_self\" ><\/a>\n<div class=\"pt-cv-taxoterm above_title\"><a href='https:\/\/www.dmsjuridica.com\/buscador_20179478954\/corteconstitucionalcronologico202454587\/category\/buscar-en-toda-la-corte\/1997\/tutelas-1997\/' title='Tutelas 1997' class='pt-cv-tax-tutelas-1997'>Tutelas 1997<\/a><\/div>\n<h4 class=\"pt-cv-title\"><a href=\"https:\/\/www.dmsjuridica.com\/buscador_20179478954\/corteconstitucionalcronologico202454587\/t-398-97\/\" class=\"_self\" target=\"_self\" >T 398 97<\/a><\/h4>\n<div class=\"pt-cv-content\">T-398-97 Sentencia T-398\/97 ESPACIO PUBLICO-Recuperaci\u00f3n compete al Estado Es jurisprudencia reiterada de la Corte Constitucional que la recuperaci\u00f3n del espacio p\u00fablico es una obligaci\u00f3n del Estado que no puede ser obstaculizada por la invocaci\u00f3n del derecho al trabajo, porque el inter\u00e9s general prevalece sobre el inter\u00e9s particular. ESPACIO PUBLICO-Recuperaci\u00f3n conlleva plan de reubicaci\u00f3n ESPACIO PUBLICO-Recuperaci\u00f3n por funcionarios de polic\u00eda Si la protecci\u00f3n a los bienes de uso p\u00fablico es un deber que corresponde a las autoridades \u00e9sta se realiza a trav\u00e9s del Poder de Polic\u00eda del Estado y de las caracter\u00edsticas de ejecutoriedad y ejecutividad del acto administrativo. No existe, ...<br \/><div class=\"pt-cv-rmwrap\"><a href=\"https:\/\/www.dmsjuridica.com\/buscador_20179478954\/corteconstitucionalcronologico202454587\/t-398-97\/\" class=\"_self pt-cv-readmore btn btn-success\" target=\"_self\">Ver Sentencia Completa...<\/a><\/div><\/div><\/div><\/div>\n<div class=\"col-md-12 col-sm-12 col-xs-12 pt-cv-content-item pt-cv-1-col\" ><div class='pt-cv-ifield'><a href=\"https:\/\/www.dmsjuridica.com\/buscador_20179478954\/corteconstitucionalcronologico202454587\/t-397-97\/\" class=\"_self pt-cv-href-thumbnail pt-cv-thumb-default\" target=\"_self\" ><\/a>\n<div class=\"pt-cv-taxoterm above_title\"><a href='https:\/\/www.dmsjuridica.com\/buscador_20179478954\/corteconstitucionalcronologico202454587\/category\/buscar-en-toda-la-corte\/1997\/tutelas-1997\/' title='Tutelas 1997' class='pt-cv-tax-tutelas-1997'>Tutelas 1997<\/a><\/div>\n<h4 class=\"pt-cv-title\"><a href=\"https:\/\/www.dmsjuridica.com\/buscador_20179478954\/corteconstitucionalcronologico202454587\/t-397-97\/\" class=\"_self\" target=\"_self\" >T 397 97<\/a><\/h4>\n<div class=\"pt-cv-content\">T-397-97 Sentencia T-397\/97 IGUALDAD DE DERECHOS ENTRE CONYUGE Y COMPA\u00d1ERA PERMANENTE-Asistencia medica por pensi\u00f3n\/FAMILIA-Protecci\u00f3n sin importar su origen\/PENSIONADO DEL MINISTERIO DE DEFENSA-Derecho a la asistencia m\u00e9dica de compa\u00f1era permanente En las normas aplicables al personal civil del Ministerio de Defensa, no se reconocen por igual a la c\u00f3nyuge y a la compa\u00f1era permanente del pensionado el derecho a la asistencia m\u00e9dica, con lo cual la Corte advierte una discriminaci\u00f3n con respecto a \u00e9sta que la Constituci\u00f3n repudia, conforme a los art\u00edculos 13 y 42 de la Constituci\u00f3n, pues acorde con la protecci\u00f3n constitucional que se otorga a la familia, sin ...<br \/><div class=\"pt-cv-rmwrap\"><a href=\"https:\/\/www.dmsjuridica.com\/buscador_20179478954\/corteconstitucionalcronologico202454587\/t-397-97\/\" class=\"_self pt-cv-readmore btn btn-success\" target=\"_self\">Ver Sentencia Completa...<\/a><\/div><\/div><\/div><\/div>\n<div class=\"col-md-12 col-sm-12 col-xs-12 pt-cv-content-item pt-cv-1-col\" ><div class='pt-cv-ifield'><a href=\"https:\/\/www.dmsjuridica.com\/buscador_20179478954\/corteconstitucionalcronologico202454587\/t-396-97\/\" class=\"_self pt-cv-href-thumbnail pt-cv-thumb-default\" target=\"_self\" ><\/a>\n<div class=\"pt-cv-taxoterm above_title\"><a href='https:\/\/www.dmsjuridica.com\/buscador_20179478954\/corteconstitucionalcronologico202454587\/category\/buscar-en-toda-la-corte\/1997\/tutelas-1997\/' title='Tutelas 1997' class='pt-cv-tax-tutelas-1997'>Tutelas 1997<\/a><\/div>\n<h4 class=\"pt-cv-title\"><a href=\"https:\/\/www.dmsjuridica.com\/buscador_20179478954\/corteconstitucionalcronologico202454587\/t-396-97\/\" class=\"_self\" target=\"_self\" >T 396 97<\/a><\/h4>\n<div class=\"pt-cv-content\">T-396-97 Sentencia T-396\/97 PRINCIPIO DE LA CONFIANZA LEGITIMA-Ocupantes del espacio p\u00fablico Con base en el principio constitucional de la buena fe, es posible predicar la denominada \"confianza leg\u00edtima\" en relaci\u00f3n con aqu\u00e9llos ocupantes del espacio p\u00fablico que creen tener un derecho legitimo sobre aqu\u00e9l, puesto que la respectiva autoridad p\u00fablica no les ha impedido su ocupaci\u00f3n, sino que por mucho tiempo les ha permitido y tolerado dicha ocupaci\u00f3n, acompa\u00f1ada de la realizaci\u00f3n de diversas actividades, tales como, vivienda, comercio, recreaci\u00f3n, etc. DERECHO AL TRABAJO EN CONDICIONES DIGNAS Y JUSTAS-Cerramiento arbitrario de locales para desalojo\/DEBIDO PROCESO-Cerramiento arbitrario de locales de San ...<br \/><div class=\"pt-cv-rmwrap\"><a href=\"https:\/\/www.dmsjuridica.com\/buscador_20179478954\/corteconstitucionalcronologico202454587\/t-396-97\/\" class=\"_self pt-cv-readmore btn btn-success\" target=\"_self\">Ver Sentencia Completa...<\/a><\/div><\/div><\/div><\/div>\n<div class=\"col-md-12 col-sm-12 col-xs-12 pt-cv-content-item pt-cv-1-col\" ><div class='pt-cv-ifield'><a href=\"https:\/\/www.dmsjuridica.com\/buscador_20179478954\/corteconstitucionalcronologico202454587\/t-395-97\/\" class=\"_self pt-cv-href-thumbnail pt-cv-thumb-default\" target=\"_self\" ><\/a>\n<div class=\"pt-cv-taxoterm above_title\"><a href='https:\/\/www.dmsjuridica.com\/buscador_20179478954\/corteconstitucionalcronologico202454587\/category\/buscar-en-toda-la-corte\/1997\/tutelas-1997\/' title='Tutelas 1997' class='pt-cv-tax-tutelas-1997'>Tutelas 1997<\/a><\/div>\n<h4 class=\"pt-cv-title\"><a href=\"https:\/\/www.dmsjuridica.com\/buscador_20179478954\/corteconstitucionalcronologico202454587\/t-395-97\/\" class=\"_self\" target=\"_self\" >T 395 97<\/a><\/h4>\n<div class=\"pt-cv-content\">T-395-97 Sentencia T-395\/97 MEDIO DE DEFENSA JUDICIAL-Inconformidad con requisitos de convocatoria p\u00fablica para beca\/CONCURSO PUBLICO-Inconformidad por requisito de edad para becas\/DERECHO A LA EDUCACION-L\u00edmite de edad para acceder a beca en el exterior El demandante al conocer de la \"Convocatoria Nacional para Estudios de Posgrado en Colombia y en el Exterior\", y observar que entre los requisitos exigidos estaba el del l\u00edmite de edad, debi\u00f3 acudir a la jurisdicci\u00f3n de lo contencioso administrativo, dentro de la oportunidad legal, para demandar el acto proferido por Colciencias, al considerar que la edad fijada imped\u00eda su participaci\u00f3n en el concurso, lo que a ...<br \/><div class=\"pt-cv-rmwrap\"><a href=\"https:\/\/www.dmsjuridica.com\/buscador_20179478954\/corteconstitucionalcronologico202454587\/t-395-97\/\" class=\"_self pt-cv-readmore btn btn-success\" target=\"_self\">Ver Sentencia Completa...<\/a><\/div><\/div><\/div><\/div>\n<div class=\"col-md-12 col-sm-12 col-xs-12 pt-cv-content-item pt-cv-1-col\" ><div class='pt-cv-ifield'><a href=\"https:\/\/www.dmsjuridica.com\/buscador_20179478954\/corteconstitucionalcronologico202454587\/t-394-97\/\" class=\"_self pt-cv-href-thumbnail pt-cv-thumb-default\" target=\"_self\" ><\/a>\n<div class=\"pt-cv-taxoterm above_title\"><a href='https:\/\/www.dmsjuridica.com\/buscador_20179478954\/corteconstitucionalcronologico202454587\/category\/buscar-en-toda-la-corte\/1997\/tutelas-1997\/' title='Tutelas 1997' class='pt-cv-tax-tutelas-1997'>Tutelas 1997<\/a><\/div>\n<h4 class=\"pt-cv-title\"><a href=\"https:\/\/www.dmsjuridica.com\/buscador_20179478954\/corteconstitucionalcronologico202454587\/t-394-97\/\" class=\"_self\" target=\"_self\" >T 394 97<\/a><\/h4>\n<div class=\"pt-cv-content\">T-394-97 Sentencia T-394\/97 ALCALDE-Responsable del orden p\u00fablico y pac\u00edfica convivencia Al alcalde municipal, seg\u00fan la Constituci\u00f3n, le corresponde cumplir y hacer cumplir sus normas y las de la ley, los decretos del gobierno, las ordenanzas y los acuerdos del concejo, as\u00ed como conservar el orden p\u00fablico del municipio de conformidad con la ley y las instrucciones y \u00f3rdenes que reciba del Presidente de la Rep\u00fablica y del respectivo gobernador. El alcalde es, por mandato constitucional, la primera autoridad de polic\u00eda del municipio y, en tal calidad, adem\u00e1s de la funci\u00f3n gen\u00e9rica, confiada a todas las autoridades, de proteger a las ...<br \/><div class=\"pt-cv-rmwrap\"><a href=\"https:\/\/www.dmsjuridica.com\/buscador_20179478954\/corteconstitucionalcronologico202454587\/t-394-97\/\" class=\"_self pt-cv-readmore btn btn-success\" target=\"_self\">Ver Sentencia Completa...<\/a><\/div><\/div><\/div><\/div>\n<div class=\"col-md-12 col-sm-12 col-xs-12 pt-cv-content-item pt-cv-1-col\" ><div class='pt-cv-ifield'><a href=\"https:\/\/www.dmsjuridica.com\/buscador_20179478954\/corteconstitucionalcronologico202454587\/t-393-97\/\" class=\"_self pt-cv-href-thumbnail pt-cv-thumb-default\" target=\"_self\" ><\/a>\n<div class=\"pt-cv-taxoterm above_title\"><a href='https:\/\/www.dmsjuridica.com\/buscador_20179478954\/corteconstitucionalcronologico202454587\/category\/buscar-en-toda-la-corte\/1997\/tutelas-1997\/' title='Tutelas 1997' class='pt-cv-tax-tutelas-1997'>Tutelas 1997<\/a><\/div>\n<h4 class=\"pt-cv-title\"><a href=\"https:\/\/www.dmsjuridica.com\/buscador_20179478954\/corteconstitucionalcronologico202454587\/t-393-97\/\" class=\"_self\" target=\"_self\" >T 393 97<\/a><\/h4>\n<div class=\"pt-cv-content\">T-393-97 Sentencia T-393\/97 LEGITIMACION EN LA CAUSA POR ACTIVA-Padre en representaci\u00f3n de hijo que cumpli\u00f3 mayor\u00eda de edad En uno de los procesos acumulados actu\u00f3 como demandante el padre de una alumna que recientemente hab\u00eda cumplido los dieciocho a\u00f1os de edad. En tal caso, aunque podr\u00eda en apariencia alegarse, para negar las pretensiones, la falta de legitimaci\u00f3n en causa, la Corte Constitucional considera configurado -y de manera clara- el inter\u00e9s directo del padre firmante de la demanda en los resultados del proceso. Los v\u00ednculos familiares, en especial los que unen a padres e hijos y particularmente si \u00e9stos son menores ...<br \/><div class=\"pt-cv-rmwrap\"><a href=\"https:\/\/www.dmsjuridica.com\/buscador_20179478954\/corteconstitucionalcronologico202454587\/t-393-97\/\" class=\"_self pt-cv-readmore btn btn-success\" target=\"_self\">Ver Sentencia Completa...<\/a><\/div><\/div><\/div><\/div>\n<div class=\"col-md-12 col-sm-12 col-xs-12 pt-cv-content-item pt-cv-1-col\" ><div class='pt-cv-ifield'><a href=\"https:\/\/www.dmsjuridica.com\/buscador_20179478954\/corteconstitucionalcronologico202454587\/t-392-97\/\" class=\"_self pt-cv-href-thumbnail pt-cv-thumb-default\" target=\"_self\" ><\/a>\n<div class=\"pt-cv-taxoterm above_title\"><a href='https:\/\/www.dmsjuridica.com\/buscador_20179478954\/corteconstitucionalcronologico202454587\/category\/buscar-en-toda-la-corte\/1997\/tutelas-1997\/' title='Tutelas 1997' class='pt-cv-tax-tutelas-1997'>Tutelas 1997<\/a><\/div>\n<h4 class=\"pt-cv-title\"><a href=\"https:\/\/www.dmsjuridica.com\/buscador_20179478954\/corteconstitucionalcronologico202454587\/t-392-97\/\" class=\"_self\" target=\"_self\" >T 392 97<\/a><\/h4>\n<div class=\"pt-cv-content\">T-392-97 Sentencia T-392\/97 DERECHO DE PETICION-Car\u00e1cter excepcional de aplazamiento de respuesta Referencia: Expediente T-130505 Acci\u00f3n de tutela incoada por Carmen Cecilia Cornejo De Romero contra la Caja Nacional de Previsi\u00f3n Social, CAJANAL. Magistrado Ponente: Dr. JOSE GREGORIO HERNANDEZ GALINDO Sentencia aprobada en Santa Fe de Bogot\u00e1, D.C., a los diecinueve (19) d\u00edas del mes de agosto de mil novecientos noventa y siete (1997). Revisa la Sala los fallos proferidos en el asunto de la referencia por la Sala Civil del Tribunal Superior de Santa Fe de Bogot\u00e1 y por la Sala de Casaci\u00f3n Civil de la Corte Suprema de Justicia ...<br \/><div class=\"pt-cv-rmwrap\"><a href=\"https:\/\/www.dmsjuridica.com\/buscador_20179478954\/corteconstitucionalcronologico202454587\/t-392-97\/\" class=\"_self pt-cv-readmore btn btn-success\" target=\"_self\">Ver Sentencia Completa...<\/a><\/div><\/div><\/div><\/div>\n<div class=\"col-md-12 col-sm-12 col-xs-12 pt-cv-content-item pt-cv-1-col\" ><div class='pt-cv-ifield'><a href=\"https:\/\/www.dmsjuridica.com\/buscador_20179478954\/corteconstitucionalcronologico202454587\/t-391-97\/\" class=\"_self pt-cv-href-thumbnail pt-cv-thumb-default\" target=\"_self\" ><\/a>\n<div class=\"pt-cv-taxoterm above_title\"><a href='https:\/\/www.dmsjuridica.com\/buscador_20179478954\/corteconstitucionalcronologico202454587\/category\/buscar-en-toda-la-corte\/1997\/tutelas-1997\/' title='Tutelas 1997' class='pt-cv-tax-tutelas-1997'>Tutelas 1997<\/a><\/div>\n<h4 class=\"pt-cv-title\"><a href=\"https:\/\/www.dmsjuridica.com\/buscador_20179478954\/corteconstitucionalcronologico202454587\/t-391-97\/\" class=\"_self\" target=\"_self\" >T 391 97<\/a><\/h4>\n<div class=\"pt-cv-content\">T-391-97 Sentencia T-391\/97 PRESUNCION DE VERACIDAD-Sustento La presunci\u00f3n de veracidad encuentra sustento en la necesidad de resolver con prontitud sobre las acciones de tutela, dado que est\u00e1n de por medio derechos fundamentales, y en la obligatoriedad de las providencias judiciales, que no se pueden desatender sin consecuencias, bien que se dirijan a particulares, ya que deban cumplirlas servidores o entidades p\u00fablicas. DEBIDO PROCESO ADMINISTRATIVO-Plenitud de las formas propias de cada juicio\/DEBIDO PROCESO-Acto arbitrario de la administraci\u00f3n contra particular El debido proceso en los asuntos administrativos implica que el Estado se sujete a las reglas definidas en el ordenamiento jur\u00eddico, no ...<br \/><div class=\"pt-cv-rmwrap\"><a href=\"https:\/\/www.dmsjuridica.com\/buscador_20179478954\/corteconstitucionalcronologico202454587\/t-391-97\/\" class=\"_self pt-cv-readmore btn btn-success\" target=\"_self\">Ver Sentencia Completa...<\/a><\/div><\/div><\/div><\/div>\n<div class=\"col-md-12 col-sm-12 col-xs-12 pt-cv-content-item pt-cv-1-col\" ><div class='pt-cv-ifield'><a href=\"https:\/\/www.dmsjuridica.com\/buscador_20179478954\/corteconstitucionalcronologico202454587\/t-390-97\/\" class=\"_self pt-cv-href-thumbnail pt-cv-thumb-default\" target=\"_self\" ><\/a>\n<div class=\"pt-cv-taxoterm above_title\"><a href='https:\/\/www.dmsjuridica.com\/buscador_20179478954\/corteconstitucionalcronologico202454587\/category\/buscar-en-toda-la-corte\/1997\/tutelas-1997\/' title='Tutelas 1997' class='pt-cv-tax-tutelas-1997'>Tutelas 1997<\/a><\/div>\n<h4 class=\"pt-cv-title\"><a href=\"https:\/\/www.dmsjuridica.com\/buscador_20179478954\/corteconstitucionalcronologico202454587\/t-390-97\/\" class=\"_self\" target=\"_self\" >T 390 97<\/a><\/h4>\n<div class=\"pt-cv-content\">T-390-97 Sentencia T-390\/97 DERECHO DE PETICION-No debe confundirse con el contenido de lo que se pide DEMANDA DE TUTELA-Presentaci\u00f3n no requiere ser experto en ciencias jur\u00eddicas\/ACCION DE TUTELA-Protecci\u00f3n de derechos no alegados por el actor\/PREVALENCIA DEL DERECHO SUSTANCIAL-Omisi\u00f3n de mencionar todos los derechos vulnerados DERECHO DE PETICION-T\u00e9rmino para dar contestaci\u00f3n Es necesario se\u00f1alar que la administraci\u00f3n dispone de un t\u00e9rmino de quince d\u00edas contados a partir de la recepci\u00f3n de la petici\u00f3n, para darle contestaci\u00f3n. Si esto no fuere posible dentro del mismo t\u00e9rmino rese\u00f1ado, deber\u00e1 informar de tal situaci\u00f3n al peticionario, adem\u00e1s, explicando los motivos y se\u00f1alando el t\u00e9rmino ...<br \/><div class=\"pt-cv-rmwrap\"><a href=\"https:\/\/www.dmsjuridica.com\/buscador_20179478954\/corteconstitucionalcronologico202454587\/t-390-97\/\" class=\"_self pt-cv-readmore btn btn-success\" target=\"_self\">Ver Sentencia Completa...<\/a><\/div><\/div><\/div><\/div>\n<div class=\"col-md-12 col-sm-12 col-xs-12 pt-cv-content-item pt-cv-1-col\" ><div class='pt-cv-ifield'><a href=\"https:\/\/www.dmsjuridica.com\/buscador_20179478954\/corteconstitucionalcronologico202454587\/t-389-97\/\" class=\"_self pt-cv-href-thumbnail pt-cv-thumb-default\" target=\"_self\" ><\/a>\n<div class=\"pt-cv-taxoterm above_title\"><a href='https:\/\/www.dmsjuridica.com\/buscador_20179478954\/corteconstitucionalcronologico202454587\/category\/buscar-en-toda-la-corte\/1997\/tutelas-1997\/' title='Tutelas 1997' class='pt-cv-tax-tutelas-1997'>Tutelas 1997<\/a><\/div>\n<h4 class=\"pt-cv-title\"><a href=\"https:\/\/www.dmsjuridica.com\/buscador_20179478954\/corteconstitucionalcronologico202454587\/t-389-97\/\" class=\"_self\" target=\"_self\" >T 389 97<\/a><\/h4>\n<div class=\"pt-cv-content\">T-389-97 Sentencia T-389\/97 DERECHO DE PETICION-Informalidad\/DERECHO DE PETICION-No es necesario citar normas para la respuesta Considera la Corte que, para ejercer el derecho de petici\u00f3n y para reclamar el derecho de rango constitucional a la respuesta pronta y de fondo, no es indispensable encabezar el escrito o la solicitud verbal anunciando que se ejerce ese derecho, ni citar el art\u00edculo 23 de la Constituci\u00f3n, ni las pertinentes normas del C\u00f3digo Contencioso Administrativo. Que se trata del derecho de petici\u00f3n no surge de f\u00f3rmulas sacramentales ni de la expresa cita de normas, sino que, en un plano de informalidad inherente a ...<br \/><div class=\"pt-cv-rmwrap\"><a href=\"https:\/\/www.dmsjuridica.com\/buscador_20179478954\/corteconstitucionalcronologico202454587\/t-389-97\/\" class=\"_self pt-cv-readmore btn btn-success\" target=\"_self\">Ver Sentencia Completa...<\/a><\/div><\/div><\/div><\/div>\n<div class=\"col-md-12 col-sm-12 col-xs-12 pt-cv-content-item pt-cv-1-col\" ><div class='pt-cv-ifield'><a href=\"https:\/\/www.dmsjuridica.com\/buscador_20179478954\/corteconstitucionalcronologico202454587\/t-388-97\/\" class=\"_self pt-cv-href-thumbnail pt-cv-thumb-default\" target=\"_self\" ><\/a>\n<div class=\"pt-cv-taxoterm above_title\"><a href='https:\/\/www.dmsjuridica.com\/buscador_20179478954\/corteconstitucionalcronologico202454587\/category\/buscar-en-toda-la-corte\/1997\/tutelas-1997\/' title='Tutelas 1997' class='pt-cv-tax-tutelas-1997'>Tutelas 1997<\/a><\/div>\n<h4 class=\"pt-cv-title\"><a href=\"https:\/\/www.dmsjuridica.com\/buscador_20179478954\/corteconstitucionalcronologico202454587\/t-388-97\/\" class=\"_self\" target=\"_self\" >T 388 97<\/a><\/h4>\n<div class=\"pt-cv-content\">T-388-97 Sentencia T-388\/97 DERECHO DE PETICION-No constituye respuesta informaci\u00f3n suministrada al juez de tutela El Juez parece entender que la transcrita comunicaci\u00f3n, dirigida a \u00e9l y no al peticionario, es una respuesta satisfactoria que responde a las directrices jurisprudenciales invocadas en el fallo. Lo que la entidad sindicada de violar el derecho de petici\u00f3n informe al juez de tutela para justificar la mora en la resoluci\u00f3n o para suministrar datos sobre el tr\u00e1mite de una solicitud no constituye respuesta al peticionario. El sentido del derecho fundamental radica en que sea la persona solicitante la que reciba contestaci\u00f3n oportuna. Cuanto se ...<br \/><div class=\"pt-cv-rmwrap\"><a href=\"https:\/\/www.dmsjuridica.com\/buscador_20179478954\/corteconstitucionalcronologico202454587\/t-388-97\/\" class=\"_self pt-cv-readmore btn btn-success\" target=\"_self\">Ver Sentencia Completa...<\/a><\/div><\/div><\/div><\/div>\n<div class=\"col-md-12 col-sm-12 col-xs-12 pt-cv-content-item pt-cv-1-col\" ><div class='pt-cv-ifield'><a href=\"https:\/\/www.dmsjuridica.com\/buscador_20179478954\/corteconstitucionalcronologico202454587\/t-378-97\/\" class=\"_self pt-cv-href-thumbnail pt-cv-thumb-default\" target=\"_self\" ><\/a>\n<div class=\"pt-cv-taxoterm above_title\"><a href='https:\/\/www.dmsjuridica.com\/buscador_20179478954\/corteconstitucionalcronologico202454587\/category\/buscar-en-toda-la-corte\/1997\/tutelas-1997\/' title='Tutelas 1997' class='pt-cv-tax-tutelas-1997'>Tutelas 1997<\/a><\/div>\n<h4 class=\"pt-cv-title\"><a href=\"https:\/\/www.dmsjuridica.com\/buscador_20179478954\/corteconstitucionalcronologico202454587\/t-378-97\/\" class=\"_self\" target=\"_self\" >T 378 97<\/a><\/h4>\n<div class=\"pt-cv-content\">T-378-97 Sentencia T-378\/97 DERECHO A LA SUSTITUCION PENSIONAL-Desde su inicio debi\u00f3 reconocerse a incapaz absoluto Resulta meridianamente claro que la actora tiene derecho, desde la muerte de su padre, a la sustituci\u00f3n pensional y a los derechos conexos, pues se trata de una persona que, desde entonces, sufre una enfermedad que la incapacita, totalmente, para ejercer cualquier actividad laboral y que no recibe auxilio, beca, recompensa o cualquiera otra entrada que les permita su congrua subsistencia. En tales condiciones, a la muerte del padre de la actora e incluso de las normas actuales, y bajo el entendido de que el ...<br \/><div class=\"pt-cv-rmwrap\"><a href=\"https:\/\/www.dmsjuridica.com\/buscador_20179478954\/corteconstitucionalcronologico202454587\/t-378-97\/\" class=\"_self pt-cv-readmore btn btn-success\" target=\"_self\">Ver Sentencia Completa...<\/a><\/div><\/div><\/div><\/div>\n<div class=\"col-md-12 col-sm-12 col-xs-12 pt-cv-content-item pt-cv-1-col\" ><div class='pt-cv-ifield'><a href=\"https:\/\/www.dmsjuridica.com\/buscador_20179478954\/corteconstitucionalcronologico202454587\/t-377-97\/\" class=\"_self pt-cv-href-thumbnail pt-cv-thumb-default\" target=\"_self\" ><\/a>\n<div class=\"pt-cv-taxoterm above_title\"><a href='https:\/\/www.dmsjuridica.com\/buscador_20179478954\/corteconstitucionalcronologico202454587\/category\/buscar-en-toda-la-corte\/1997\/tutelas-1997\/' title='Tutelas 1997' class='pt-cv-tax-tutelas-1997'>Tutelas 1997<\/a><\/div>\n<h4 class=\"pt-cv-title\"><a href=\"https:\/\/www.dmsjuridica.com\/buscador_20179478954\/corteconstitucionalcronologico202454587\/t-377-97\/\" class=\"_self\" target=\"_self\" >T 377 97<\/a><\/h4>\n<div class=\"pt-cv-content\">T-377-97 Sentencia T-377\/97 FUNCION CATASTRAL-Finalidad En t\u00e9rminos generales, la funci\u00f3n catastral, constituye una funci\u00f3n p\u00fablica desarrollada por autoridades p\u00fablicas encargadas de adelantar la formaci\u00f3n, actualizaci\u00f3n y conservaci\u00f3n de los catastros del pa\u00eds seg\u00fan la normatividad que para el efecto se expida. PROCESO DE FORMACION CATASTRAL-Finalidad ACTUALIZACION DE LA FORMACION CATASTRAL-Finalidad CONSERVACION CATASTRAL-Finalidad FUNCION CATASTRAL-Procedimiento especial administrativo La funci\u00f3n catastral, dada su finalidad y actividades que la caracterizan, constituye un procedimiento especial administrativo y no est\u00e1 sujeto a los procedimientos administrativos ordinarios que regula dicho ordenamiento administrativo sino en lo no contemplado y siempre y cuando resulte compatible. La formaci\u00f3n, conservaci\u00f3n ...<br \/><div class=\"pt-cv-rmwrap\"><a href=\"https:\/\/www.dmsjuridica.com\/buscador_20179478954\/corteconstitucionalcronologico202454587\/t-377-97\/\" class=\"_self pt-cv-readmore btn btn-success\" target=\"_self\">Ver Sentencia Completa...<\/a><\/div><\/div><\/div><\/div>\n<div class=\"col-md-12 col-sm-12 col-xs-12 pt-cv-content-item pt-cv-1-col\" ><div class='pt-cv-ifield'><a href=\"https:\/\/www.dmsjuridica.com\/buscador_20179478954\/corteconstitucionalcronologico202454587\/t-376-97\/\" class=\"_self pt-cv-href-thumbnail pt-cv-thumb-default\" target=\"_self\" ><\/a>\n<div class=\"pt-cv-taxoterm above_title\"><a href='https:\/\/www.dmsjuridica.com\/buscador_20179478954\/corteconstitucionalcronologico202454587\/category\/buscar-en-toda-la-corte\/1997\/tutelas-1997\/' title='Tutelas 1997' class='pt-cv-tax-tutelas-1997'>Tutelas 1997<\/a><\/div>\n<h4 class=\"pt-cv-title\"><a href=\"https:\/\/www.dmsjuridica.com\/buscador_20179478954\/corteconstitucionalcronologico202454587\/t-376-97\/\" class=\"_self\" target=\"_self\" >T 376 97<\/a><\/h4>\n<div class=\"pt-cv-content\">T-376-97 Sentencia T-376\/97 SERVICIO MILITAR-Titularidad de derechos constitucionales Los nacionales que presten el servicio militar contin\u00faan siendo titulares de los derechos reconocidos en la Carta Pol\u00edtica, adem\u00e1s de ser beneficiarios de ciertas prerrogativas y exenciones legalmente establecidas en virtud de su especial situaci\u00f3n, as\u00ed como sujetos de limitaciones razonables para el ejercicio de sus derechos y libertades con ocasi\u00f3n de las condiciones propias que impone el servicio militar, bajo lineamientos de obediencia seg\u00fan la l\u00ednea de mando y de la disciplina propia de las entidades castrenses que enmarcan dicha actividad, siempre y cuando aquellas resulten proporcionales a los fines que ...<br \/><div class=\"pt-cv-rmwrap\"><a href=\"https:\/\/www.dmsjuridica.com\/buscador_20179478954\/corteconstitucionalcronologico202454587\/t-376-97\/\" class=\"_self pt-cv-readmore btn btn-success\" target=\"_self\">Ver Sentencia Completa...<\/a><\/div><\/div><\/div><\/div>\n<div class=\"col-md-12 col-sm-12 col-xs-12 pt-cv-content-item pt-cv-1-col\" ><div class='pt-cv-ifield'><a href=\"https:\/\/www.dmsjuridica.com\/buscador_20179478954\/corteconstitucionalcronologico202454587\/t-375-97\/\" class=\"_self pt-cv-href-thumbnail pt-cv-thumb-default\" target=\"_self\" ><\/a>\n<div class=\"pt-cv-taxoterm above_title\"><a href='https:\/\/www.dmsjuridica.com\/buscador_20179478954\/corteconstitucionalcronologico202454587\/category\/buscar-en-toda-la-corte\/1997\/tutelas-1997\/' title='Tutelas 1997' class='pt-cv-tax-tutelas-1997'>Tutelas 1997<\/a><\/div>\n<h4 class=\"pt-cv-title\"><a href=\"https:\/\/www.dmsjuridica.com\/buscador_20179478954\/corteconstitucionalcronologico202454587\/t-375-97\/\" class=\"_self\" target=\"_self\" >T 375 97<\/a><\/h4>\n<div class=\"pt-cv-content\">T-375-97 Sentencia T-375\/97 POSICION DOMINANTE-Concepto\/POSICION DOMINANTE-Determinaci\u00f3n del mercado La posici\u00f3n dominante se refiere a un poder de mercado que le permite a un agente econ\u00f3mico actuar con independencia de sus competidores, por lo menos dentro de un grado relativamente amplio y apreciable. El poder de mercado implica menos participaci\u00f3n colectiva en la fijaci\u00f3n de precios y cantidades y, correlativamente, mayor unilateralidad y relevancia de las decisiones que sobre estos extremos adopten las fuerzas dominantes que, de llegar a ser avasallantes, sustituyen los mecanismos de mercado. Las normas sobre competencia se enderezan a evitar concentraciones en los mercados y, desde este ...<br \/><div class=\"pt-cv-rmwrap\"><a href=\"https:\/\/www.dmsjuridica.com\/buscador_20179478954\/corteconstitucionalcronologico202454587\/t-375-97\/\" class=\"_self pt-cv-readmore btn btn-success\" target=\"_self\">Ver Sentencia Completa...<\/a><\/div><\/div><\/div><\/div>\n<div class=\"col-md-12 col-sm-12 col-xs-12 pt-cv-content-item pt-cv-1-col\" ><div class='pt-cv-ifield'><a href=\"https:\/\/www.dmsjuridica.com\/buscador_20179478954\/corteconstitucionalcronologico202454587\/t-371-97\/\" class=\"_self pt-cv-href-thumbnail pt-cv-thumb-default\" target=\"_self\" ><\/a>\n<div class=\"pt-cv-taxoterm above_title\"><a href='https:\/\/www.dmsjuridica.com\/buscador_20179478954\/corteconstitucionalcronologico202454587\/category\/buscar-en-toda-la-corte\/1997\/tutelas-1997\/' title='Tutelas 1997' class='pt-cv-tax-tutelas-1997'>Tutelas 1997<\/a><\/div>\n<h4 class=\"pt-cv-title\"><a href=\"https:\/\/www.dmsjuridica.com\/buscador_20179478954\/corteconstitucionalcronologico202454587\/t-371-97\/\" class=\"_self\" target=\"_self\" >T 371 97<\/a><\/h4>\n<div class=\"pt-cv-content\">T-371-97 Sentencia T-371\/97 SUSPENSION PROVISIONAL DE ACTOS CONCRETOS POR JUEZ DE TUTELA-Medida debe ser razonada y no arbitraria\/SUSPENSION PROVISIONAL DE ACTOS CONCRETOS POR JUEZ DE TUTELA-Proceden s\u00f3lo cuando sea necesario y urgente proteger un derecho fundamental La medida de suspensi\u00f3n provisional de actos concretos debe ser razonada y no arbitraria, producto de una valoraci\u00f3n sensata y proporcional a la presunta violaci\u00f3n o amenaza de los derechos fundamentales alegados. As\u00ed entonces, el Decreto 2591 de 1991, efectivamente permite suspender provisionalmente la aplicaci\u00f3n de actos concretos que amenacen o vulneren un derecho fundamental, pero solamente cuando sea necesario y urgente para la ...<br \/><div class=\"pt-cv-rmwrap\"><a href=\"https:\/\/www.dmsjuridica.com\/buscador_20179478954\/corteconstitucionalcronologico202454587\/t-371-97\/\" class=\"_self pt-cv-readmore btn btn-success\" target=\"_self\">Ver Sentencia Completa...<\/a><\/div><\/div><\/div><\/div>\n<div class=\"col-md-12 col-sm-12 col-xs-12 pt-cv-content-item pt-cv-1-col\" ><div class='pt-cv-ifield'><a href=\"https:\/\/www.dmsjuridica.com\/buscador_20179478954\/corteconstitucionalcronologico202454587\/t-370-97\/\" class=\"_self pt-cv-href-thumbnail pt-cv-thumb-default\" target=\"_self\" ><\/a>\n<div class=\"pt-cv-taxoterm above_title\"><a href='https:\/\/www.dmsjuridica.com\/buscador_20179478954\/corteconstitucionalcronologico202454587\/category\/buscar-en-toda-la-corte\/1997\/tutelas-1997\/' title='Tutelas 1997' class='pt-cv-tax-tutelas-1997'>Tutelas 1997<\/a><\/div>\n<h4 class=\"pt-cv-title\"><a href=\"https:\/\/www.dmsjuridica.com\/buscador_20179478954\/corteconstitucionalcronologico202454587\/t-370-97\/\" class=\"_self\" target=\"_self\" >T 370 97<\/a><\/h4>\n<div class=\"pt-cv-content\">T-370-97 Sentencia T-370\/97 DERECHO DE PETICION-Car\u00e1cter excepcional de aplazamiento de respuesta La posibilidad de que la administraci\u00f3n aplace la resoluci\u00f3n de una petici\u00f3n, contemplada en el art\u00edculo 6 del C\u00f3digo Contencioso Administrativo, es de car\u00e1cter excepcional y debe fundarse en situaciones que hagan imposible la respuesta de fondo en los t\u00e9rminos legales ordinarios, por circunstancias ligadas al caso concreto. No puede generalizarse ni ampliar a todos los casos esa opci\u00f3n administrativa. Referencia: Expediente T-130525 Acci\u00f3n de tutela incoada por Milza Evelisa Ram\u00edrez Palacios contra la Caja Nacional de Previsi\u00f3n Social, CAJANAL Dr. JOSE GREGORIO HERNANDEZ GALINDO Sentencia aprobada en Santa ...<br \/><div class=\"pt-cv-rmwrap\"><a href=\"https:\/\/www.dmsjuridica.com\/buscador_20179478954\/corteconstitucionalcronologico202454587\/t-370-97\/\" class=\"_self pt-cv-readmore btn btn-success\" target=\"_self\">Ver Sentencia Completa...<\/a><\/div><\/div><\/div><\/div>\n<div class=\"col-md-12 col-sm-12 col-xs-12 pt-cv-content-item pt-cv-1-col\" ><div class='pt-cv-ifield'><a href=\"https:\/\/www.dmsjuridica.com\/buscador_20179478954\/corteconstitucionalcronologico202454587\/t-369-97\/\" class=\"_self pt-cv-href-thumbnail pt-cv-thumb-default\" target=\"_self\" ><\/a>\n<div class=\"pt-cv-taxoterm above_title\"><a href='https:\/\/www.dmsjuridica.com\/buscador_20179478954\/corteconstitucionalcronologico202454587\/category\/buscar-en-toda-la-corte\/1997\/tutelas-1997\/' title='Tutelas 1997' class='pt-cv-tax-tutelas-1997'>Tutelas 1997<\/a><\/div>\n<h4 class=\"pt-cv-title\"><a href=\"https:\/\/www.dmsjuridica.com\/buscador_20179478954\/corteconstitucionalcronologico202454587\/t-369-97\/\" class=\"_self\" target=\"_self\" >T 369 97<\/a><\/h4>\n<div class=\"pt-cv-content\">T-369-97 Sentencia T-369\/97 SILENCIO ADMINISTRATIVO NEGATIVO-No constituye medio de defensa por violaci\u00f3n derecho de petici\u00f3n Referencia: Expediente T-129730 Acci\u00f3n de tutela incoada por Maria Luisa Jaime De Gomez contra la Caja Nacional de Previsi\u00f3n Social -CAJANAL-. Magistrado Ponente: Dr. JOSE GREGORIO HERNANDEZ GALINDO Sentencia aprobada en Santa Fe de Bogot\u00e1, D.C., a los once (11) d\u00edas del mes de agosto de mil novecientos noventa y siete (1997). I. INFORMACION PRELIMINAR La accionante se quej\u00f3 de que, transcurrido un a\u00f1o y diez meses desde cuando present\u00f3 ante la Caja Nacional de Previsi\u00f3n su solicitud de Pensi\u00f3n Gracia, no hab\u00eda recibido respuesta ...<br \/><div class=\"pt-cv-rmwrap\"><a href=\"https:\/\/www.dmsjuridica.com\/buscador_20179478954\/corteconstitucionalcronologico202454587\/t-369-97\/\" class=\"_self pt-cv-readmore btn btn-success\" target=\"_self\">Ver Sentencia Completa...<\/a><\/div><\/div><\/div><\/div>\n<div class=\"col-md-12 col-sm-12 col-xs-12 pt-cv-content-item pt-cv-1-col\" ><div class='pt-cv-ifield'><a href=\"https:\/\/www.dmsjuridica.com\/buscador_20179478954\/corteconstitucionalcronologico202454587\/t-368-97\/\" class=\"_self pt-cv-href-thumbnail pt-cv-thumb-default\" target=\"_self\" ><\/a>\n<div class=\"pt-cv-taxoterm above_title\"><a href='https:\/\/www.dmsjuridica.com\/buscador_20179478954\/corteconstitucionalcronologico202454587\/category\/buscar-en-toda-la-corte\/1997\/tutelas-1997\/' title='Tutelas 1997' class='pt-cv-tax-tutelas-1997'>Tutelas 1997<\/a><\/div>\n<h4 class=\"pt-cv-title\"><a href=\"https:\/\/www.dmsjuridica.com\/buscador_20179478954\/corteconstitucionalcronologico202454587\/t-368-97\/\" class=\"_self\" target=\"_self\" >T 368 97<\/a><\/h4>\n<div class=\"pt-cv-content\">T-368-97 Sentencia T-368\/97 DERECHO DE PETICION-Car\u00e1cter excepcional de aplazamiento de respuesta Referencia: Expediente T-129392 Acci\u00f3n de tutela incoada por Concepcion Medina De Salamanca contra la Caja Nacional de Previsi\u00f3n Social, CAJANAL. Magistrado Ponente: Dr. JOSE GREGORIO HERNANDEZ GALINDO Sentencia aprobada en Santa Fe de Bogot\u00e1, D.C., a los once (11) d\u00edas del mes de agosto de mil novecientos noventa y siete (1997). Se revisa el fallo proferido por el Juzgado Doce Laboral del Circuito de Santa Fe de Bogot\u00e1, al resolver sobre la acci\u00f3n de tutela en referencia. I. INFORMACION PRELIMINAR Dijo CONCEPCION MEDINA DE SALAMANCA, por conducto de apoderado, ...<br \/><div class=\"pt-cv-rmwrap\"><a href=\"https:\/\/www.dmsjuridica.com\/buscador_20179478954\/corteconstitucionalcronologico202454587\/t-368-97\/\" class=\"_self pt-cv-readmore btn btn-success\" target=\"_self\">Ver Sentencia Completa...<\/a><\/div><\/div><\/div><\/div>\n<div class=\"col-md-12 col-sm-12 col-xs-12 pt-cv-content-item pt-cv-1-col\" ><div class='pt-cv-ifield'><a href=\"https:\/\/www.dmsjuridica.com\/buscador_20179478954\/corteconstitucionalcronologico202454587\/t-367-97\/\" class=\"_self pt-cv-href-thumbnail pt-cv-thumb-default\" target=\"_self\" ><\/a>\n<div class=\"pt-cv-taxoterm above_title\"><a href='https:\/\/www.dmsjuridica.com\/buscador_20179478954\/corteconstitucionalcronologico202454587\/category\/buscar-en-toda-la-corte\/1997\/tutelas-1997\/' title='Tutelas 1997' class='pt-cv-tax-tutelas-1997'>Tutelas 1997<\/a><\/div>\n<h4 class=\"pt-cv-title\"><a href=\"https:\/\/www.dmsjuridica.com\/buscador_20179478954\/corteconstitucionalcronologico202454587\/t-367-97\/\" class=\"_self\" target=\"_self\" >T 367 97<\/a><\/h4>\n<div class=\"pt-cv-content\">T-367-97 Sentencia T-367\/97 DERECHO DE PETICION-T\u00e9rmino para resolver lo fija la ley y no los obligados Toda persona tiene derecho fundamental a presentar peticiones respetuosas a las autoridades y a obtener de ellas resoluci\u00f3n oportuna y de fondo. Es la ley y no las entidades llamadas a responder la que establece los t\u00e9rminos para hacerlo, los cuales son perentorios y las obligan. Si el legislador, por v\u00eda general, ha determinado en el C\u00f3digo Contencioso Administrativo los plazos dentro de los cuales debe el solicitante recibir respuesta, ninguna autoridad administrativa, menos todav\u00eda aquella que tiene la responsabilidad de cumplir con la ...<br \/><div class=\"pt-cv-rmwrap\"><a href=\"https:\/\/www.dmsjuridica.com\/buscador_20179478954\/corteconstitucionalcronologico202454587\/t-367-97\/\" class=\"_self pt-cv-readmore btn btn-success\" target=\"_self\">Ver Sentencia Completa...<\/a><\/div><\/div><\/div><\/div>\n<div class=\"col-md-12 col-sm-12 col-xs-12 pt-cv-content-item pt-cv-1-col\" ><div class='pt-cv-ifield'><a href=\"https:\/\/www.dmsjuridica.com\/buscador_20179478954\/corteconstitucionalcronologico202454587\/t-366-97\/\" class=\"_self pt-cv-href-thumbnail pt-cv-thumb-default\" target=\"_self\" ><\/a>\n<div class=\"pt-cv-taxoterm above_title\"><a href='https:\/\/www.dmsjuridica.com\/buscador_20179478954\/corteconstitucionalcronologico202454587\/category\/buscar-en-toda-la-corte\/1997\/tutelas-1997\/' title='Tutelas 1997' class='pt-cv-tax-tutelas-1997'>Tutelas 1997<\/a><\/div>\n<h4 class=\"pt-cv-title\"><a href=\"https:\/\/www.dmsjuridica.com\/buscador_20179478954\/corteconstitucionalcronologico202454587\/t-366-97\/\" class=\"_self\" target=\"_self\" >T 366 97<\/a><\/h4>\n<div class=\"pt-cv-content\">T-366-97 Sentencia T-366\/97 COMUNIDAD-M\u00ednimo de orden e imperio de la autoridad La Corte Constitucional insiste en que toda comunidad requiere de un m\u00ednimo de orden y del imperio de la autoridad para que pueda subsistir en ella una civilizada convivencia, evitando el caos que podr\u00eda generarse si cada individuo, sin atender reglas ni preceptos, hiciera su absoluta voluntad, aun en contrav\u00eda de los intereses comunes, en un mal entendido concepto del derecho al libre desarrollo de la personalidad. ESTABLECIMIENTO EDUCATIVO-Cumplimiento de normas de aseo y pulcritud personal No se puede sindicar al plantel educativo de vulnerar derechos fundamentales por el ...<br \/><div class=\"pt-cv-rmwrap\"><a href=\"https:\/\/www.dmsjuridica.com\/buscador_20179478954\/corteconstitucionalcronologico202454587\/t-366-97\/\" class=\"_self pt-cv-readmore btn btn-success\" target=\"_self\">Ver Sentencia Completa...<\/a><\/div><\/div><\/div><\/div>\n<div class=\"col-md-12 col-sm-12 col-xs-12 pt-cv-content-item pt-cv-1-col\" ><div class='pt-cv-ifield'><a href=\"https:\/\/www.dmsjuridica.com\/buscador_20179478954\/corteconstitucionalcronologico202454587\/t-365-97\/\" class=\"_self pt-cv-href-thumbnail pt-cv-thumb-default\" target=\"_self\" ><\/a>\n<div class=\"pt-cv-taxoterm above_title\"><a href='https:\/\/www.dmsjuridica.com\/buscador_20179478954\/corteconstitucionalcronologico202454587\/category\/buscar-en-toda-la-corte\/1997\/tutelas-1997\/' title='Tutelas 1997' class='pt-cv-tax-tutelas-1997'>Tutelas 1997<\/a><\/div>\n<h4 class=\"pt-cv-title\"><a href=\"https:\/\/www.dmsjuridica.com\/buscador_20179478954\/corteconstitucionalcronologico202454587\/t-365-97\/\" class=\"_self\" target=\"_self\" >T 365 97<\/a><\/h4>\n<div class=\"pt-cv-content\">T-365-97 Sentencia T-365\/97 DERECHO DE PETICION-Pronta comunicaci\u00f3n de la resoluci\u00f3n\/SUSTITUCION PENSIONAL-Pago y actualizaci\u00f3n de sumas por mora en cancelaci\u00f3n de mesadas El derecho de petici\u00f3n est\u00e1 violado mientras al solicitante, por negligencia o inactividad de la administraci\u00f3n, no se le haya comunicado de manera expresa acerca del sentido en el cual se le resolvi\u00f3. Bien puede establecerse que en el interior del ente obligado a responder se hayan adelantado los tr\u00e1mites enderezados a satisfacer su petici\u00f3n, pero si todo se queda en el plano interno y nada sabe el peticionario sobre la respuesta, prosigue la vulneraci\u00f3n de su derecho fundamental ...<br \/><div class=\"pt-cv-rmwrap\"><a href=\"https:\/\/www.dmsjuridica.com\/buscador_20179478954\/corteconstitucionalcronologico202454587\/t-365-97\/\" class=\"_self pt-cv-readmore btn btn-success\" target=\"_self\">Ver Sentencia Completa...<\/a><\/div><\/div><\/div><\/div>\n<div class=\"col-md-12 col-sm-12 col-xs-12 pt-cv-content-item pt-cv-1-col\" ><div class='pt-cv-ifield'><a href=\"https:\/\/www.dmsjuridica.com\/buscador_20179478954\/corteconstitucionalcronologico202454587\/t-364-97\/\" class=\"_self pt-cv-href-thumbnail pt-cv-thumb-default\" target=\"_self\" ><\/a>\n<div class=\"pt-cv-taxoterm above_title\"><a href='https:\/\/www.dmsjuridica.com\/buscador_20179478954\/corteconstitucionalcronologico202454587\/category\/buscar-en-toda-la-corte\/1997\/tutelas-1997\/' title='Tutelas 1997' class='pt-cv-tax-tutelas-1997'>Tutelas 1997<\/a><\/div>\n<h4 class=\"pt-cv-title\"><a href=\"https:\/\/www.dmsjuridica.com\/buscador_20179478954\/corteconstitucionalcronologico202454587\/t-364-97\/\" class=\"_self\" target=\"_self\" >T 364 97<\/a><\/h4>\n<div class=\"pt-cv-content\">T-364-97 Sentencia T-364\/97 MEDIO DE DEFENSA JUDICIAL-No ejercicio oportuno de medios contra acto que neg\u00f3 pensi\u00f3n PENSION DE JUBILACION-Negligencia del patrono por no entrega de aportes Referencia: Expediente T-128377 Acci\u00f3n de tutela incoada por Mar\u00eda Cristina Guzm\u00e1n Rojas, en nombre de sus hijos, Rafael Alonso, Yenis, Juan Felipe y Carmen Angelina Barrios Guzman, contra el Instituto De Seguros Sociales, Seccional Magdalena. Magistrado Ponente: Dr. JOSE GREGORIO HERNANDEZ GALINDO Sentencia aprobada en Santa Fe de Bogot\u00e1, D.C., a los seis (6) d\u00edas del mes de agosto de mil novecientos noventa y siete (1997). Se revisan los fallos proferidos en el asunto ...<br \/><div class=\"pt-cv-rmwrap\"><a href=\"https:\/\/www.dmsjuridica.com\/buscador_20179478954\/corteconstitucionalcronologico202454587\/t-364-97\/\" class=\"_self pt-cv-readmore btn btn-success\" target=\"_self\">Ver Sentencia Completa...<\/a><\/div><\/div><\/div><\/div>\n<div class=\"col-md-12 col-sm-12 col-xs-12 pt-cv-content-item pt-cv-1-col\" ><div class='pt-cv-ifield'><a href=\"https:\/\/www.dmsjuridica.com\/buscador_20179478954\/corteconstitucionalcronologico202454587\/t-363-97\/\" class=\"_self pt-cv-href-thumbnail pt-cv-thumb-default\" target=\"_self\" ><\/a>\n<div class=\"pt-cv-taxoterm above_title\"><a href='https:\/\/www.dmsjuridica.com\/buscador_20179478954\/corteconstitucionalcronologico202454587\/category\/buscar-en-toda-la-corte\/1997\/tutelas-1997\/' title='Tutelas 1997' class='pt-cv-tax-tutelas-1997'>Tutelas 1997<\/a><\/div>\n<h4 class=\"pt-cv-title\"><a href=\"https:\/\/www.dmsjuridica.com\/buscador_20179478954\/corteconstitucionalcronologico202454587\/t-363-97\/\" class=\"_self\" target=\"_self\" >T 363 97<\/a><\/h4>\n<div class=\"pt-cv-content\">T-363-97 Sentencia T-363\/97 DERECHO DE PETICION-Resoluci\u00f3n oportuna, clara y precisa Las autoridades tienen la obligaci\u00f3n de responder de manera oportuna, clara y precisa las peticiones que ante ella se formulan. En efecto, la demora en responder o las contestaciones evasivas, vagas, contradictorias, y en general todas aquellas que tiendan a confundir al interesado, violan el derecho fundamental de petici\u00f3n. DERECHO DE PETICION-Contestaci\u00f3n de fondo, clara y precisa No se considera una respuesta efectiva la informaci\u00f3n que se da al peticionario sobre cu\u00e1l es el estado del tr\u00e1mite en que se encuentra su solicitud y el n\u00famero de su turno, o ...<br \/><div class=\"pt-cv-rmwrap\"><a href=\"https:\/\/www.dmsjuridica.com\/buscador_20179478954\/corteconstitucionalcronologico202454587\/t-363-97\/\" class=\"_self pt-cv-readmore btn btn-success\" target=\"_self\">Ver Sentencia Completa...<\/a><\/div><\/div><\/div><\/div>\n<div class=\"col-md-12 col-sm-12 col-xs-12 pt-cv-content-item pt-cv-1-col\" ><div class='pt-cv-ifield'><a href=\"https:\/\/www.dmsjuridica.com\/buscador_20179478954\/corteconstitucionalcronologico202454587\/t-362-97\/\" class=\"_self pt-cv-href-thumbnail pt-cv-thumb-default\" target=\"_self\" ><\/a>\n<div class=\"pt-cv-taxoterm above_title\"><a href='https:\/\/www.dmsjuridica.com\/buscador_20179478954\/corteconstitucionalcronologico202454587\/category\/buscar-en-toda-la-corte\/1997\/tutelas-1997\/' title='Tutelas 1997' class='pt-cv-tax-tutelas-1997'>Tutelas 1997<\/a><\/div>\n<h4 class=\"pt-cv-title\"><a href=\"https:\/\/www.dmsjuridica.com\/buscador_20179478954\/corteconstitucionalcronologico202454587\/t-362-97\/\" class=\"_self\" target=\"_self\" >T 362 97<\/a><\/h4>\n<div class=\"pt-cv-content\">T-362-97 Sentencia T-362\/97 DERECHO A LA VIDA-Deberes sociales del Estado y particulares en su protecci\u00f3n\/DEBER DEL CIUDADANO-Protecci\u00f3n vida de asociados\/PRINCIPIO DE SOLIDARIDAD-Situaciones que ponen en peligro vida o salud de personas Para garantizar un orden justo en el que el derecho a la vida sea inviolable, el Constituyente opt\u00f3 por organizar a Colombia como un Estado social de Derecho, en donde la protecci\u00f3n de la vida de los asociados es una obligaci\u00f3n que ata\u00f1e a todos, particulares y autoridades al un\u00edsono, as\u00ed no todos deban cumplir con ella a trav\u00e9s de las mismas actividades. A las autoridades, en t\u00e9rminos generales, ...<br \/><div class=\"pt-cv-rmwrap\"><a href=\"https:\/\/www.dmsjuridica.com\/buscador_20179478954\/corteconstitucionalcronologico202454587\/t-362-97\/\" class=\"_self pt-cv-readmore btn btn-success\" target=\"_self\">Ver Sentencia Completa...<\/a><\/div><\/div><\/div><\/div>\n<div class=\"col-md-12 col-sm-12 col-xs-12 pt-cv-content-item pt-cv-1-col\" ><div class='pt-cv-ifield'><a href=\"https:\/\/www.dmsjuridica.com\/buscador_20179478954\/corteconstitucionalcronologico202454587\/t-361-97\/\" class=\"_self pt-cv-href-thumbnail pt-cv-thumb-default\" target=\"_self\" ><\/a>\n<div class=\"pt-cv-taxoterm above_title\"><a href='https:\/\/www.dmsjuridica.com\/buscador_20179478954\/corteconstitucionalcronologico202454587\/category\/buscar-en-toda-la-corte\/1997\/tutelas-1997\/' title='Tutelas 1997' class='pt-cv-tax-tutelas-1997'>Tutelas 1997<\/a><\/div>\n<h4 class=\"pt-cv-title\"><a href=\"https:\/\/www.dmsjuridica.com\/buscador_20179478954\/corteconstitucionalcronologico202454587\/t-361-97\/\" class=\"_self\" target=\"_self\" >T 361 97<\/a><\/h4>\n<div class=\"pt-cv-content\">T-361-97 Sentencia T-361\/97 DEBIDO PROCESO PENAL-L\u00edmites normativos que obligan al legislador Bajo la vigencia del ordenamiento constitucional colombiano actual, tanto el derecho penal sustantivo como el procesal han sido constitucionalizados, y ello quiere decir que los derechos fundamentales y las garant\u00edas consagrados en la Carta Pol\u00edtica son l\u00edmites normativos que obligan a\u00fan al legislador, quien no podr\u00e1 desconocerlos o suprimirlos, sea que act\u00fae en ejercicio de su potestad para adoptar una determinada pol\u00edtica criminal, sea que lo haga en uso de competencias de excepci\u00f3n. DEBIDO PROCESO PENAL-Individualizaci\u00f3n plena de persona investigada Ya que los fiscales deben orientar su actuaci\u00f3n oficial ...<br \/><div class=\"pt-cv-rmwrap\"><a href=\"https:\/\/www.dmsjuridica.com\/buscador_20179478954\/corteconstitucionalcronologico202454587\/t-361-97\/\" class=\"_self pt-cv-readmore btn btn-success\" target=\"_self\">Ver Sentencia Completa...<\/a><\/div><\/div><\/div><\/div>\n<div class=\"col-md-12 col-sm-12 col-xs-12 pt-cv-content-item pt-cv-1-col\" ><div class='pt-cv-ifield'><a href=\"https:\/\/www.dmsjuridica.com\/buscador_20179478954\/corteconstitucionalcronologico202454587\/t-360-97\/\" class=\"_self pt-cv-href-thumbnail pt-cv-thumb-default\" target=\"_self\" ><\/a>\n<div class=\"pt-cv-taxoterm above_title\"><a href='https:\/\/www.dmsjuridica.com\/buscador_20179478954\/corteconstitucionalcronologico202454587\/category\/buscar-en-toda-la-corte\/1997\/tutelas-1997\/' title='Tutelas 1997' class='pt-cv-tax-tutelas-1997'>Tutelas 1997<\/a><\/div>\n<h4 class=\"pt-cv-title\"><a href=\"https:\/\/www.dmsjuridica.com\/buscador_20179478954\/corteconstitucionalcronologico202454587\/t-360-97\/\" class=\"_self\" target=\"_self\" >T 360 97<\/a><\/h4>\n<div class=\"pt-cv-content\">T-360-97 Sentencia T-360\/97 ACCION DE TUTELA-Alcance del desistimiento y de la carencia de objeto Referencia: Expediente T-128605 Actor: Juan Carlos Cantillo Henr\u00edquez Demandado: Corporaci\u00f3n deportiva JUNIOR de Barranquilla Remitido por: Sala Laboral del Tribunal Superior de Barranquilla Magistrado Ponente: Dr. CARLOS GAVIRIA D\u00cdAZ Santaf\u00e9 de Bogot\u00e1, D.C., cinco (5) de agosto de mil novecientos noventa y siete (1997). La Sala Cuarta de Revisi\u00f3n de Tutelas de la Corte Constitucional, compuesta por los magistrados Jos\u00e9 Gregorio Hern\u00e1ndez Galindo, Hernando Herrera Vergara y Carlos Gaviria D\u00edaz, este \u00faltimo en calidad de Ponente, EN NOMBRE DEL PUEBLO Y POR MANDATO DE LA CONSTITUCI\u00d3N, ...<br \/><div class=\"pt-cv-rmwrap\"><a href=\"https:\/\/www.dmsjuridica.com\/buscador_20179478954\/corteconstitucionalcronologico202454587\/t-360-97\/\" class=\"_self pt-cv-readmore btn btn-success\" target=\"_self\">Ver Sentencia Completa...<\/a><\/div><\/div><\/div><\/div>\n<div class=\"col-md-12 col-sm-12 col-xs-12 pt-cv-content-item pt-cv-1-col\" ><div class='pt-cv-ifield'><a href=\"https:\/\/www.dmsjuridica.com\/buscador_20179478954\/corteconstitucionalcronologico202454587\/t-359-97\/\" class=\"_self pt-cv-href-thumbnail pt-cv-thumb-default\" target=\"_self\" ><\/a>\n<div class=\"pt-cv-taxoterm above_title\"><a href='https:\/\/www.dmsjuridica.com\/buscador_20179478954\/corteconstitucionalcronologico202454587\/category\/buscar-en-toda-la-corte\/1997\/tutelas-1997\/' title='Tutelas 1997' class='pt-cv-tax-tutelas-1997'>Tutelas 1997<\/a><\/div>\n<h4 class=\"pt-cv-title\"><a href=\"https:\/\/www.dmsjuridica.com\/buscador_20179478954\/corteconstitucionalcronologico202454587\/t-359-97\/\" class=\"_self\" target=\"_self\" >T 359 97<\/a><\/h4>\n<div class=\"pt-cv-content\">T-359-97 Sentencia T-359\/97 DEBIDO PROCESO-Aplicaci\u00f3n a actuaciones judiciales y administrativas\/PROCESO-Forma como se lleva a cabo Cuando la Constituci\u00f3n estipula en el art\u00edculo 29 que \"El debido proceso se aplicar\u00e1 a toda clase de actuaciones judiciales y administrativas\", consagrara un principio general de aplicabilidad: que el interesado tenga la oportunidad de conocer de una medida que lo afecta y pueda controvertirla. La forma como se lleve a cabo el proceso, es decir, verbal, escrita, corresponder\u00e1 a las distintas clases de actuaciones de la administraci\u00f3n, en que se predica el debido proceso. No es jur\u00eddicamente v\u00e1lido afirmar que no existe un proceso ...<br \/><div class=\"pt-cv-rmwrap\"><a href=\"https:\/\/www.dmsjuridica.com\/buscador_20179478954\/corteconstitucionalcronologico202454587\/t-359-97\/\" class=\"_self pt-cv-readmore btn btn-success\" target=\"_self\">Ver Sentencia Completa...<\/a><\/div><\/div><\/div><\/div>\n<div class=\"col-md-12 col-sm-12 col-xs-12 pt-cv-content-item pt-cv-1-col\" ><div class='pt-cv-ifield'><a href=\"https:\/\/www.dmsjuridica.com\/buscador_20179478954\/corteconstitucionalcronologico202454587\/t-352-97\/\" class=\"_self pt-cv-href-thumbnail pt-cv-thumb-default\" target=\"_self\" ><\/a>\n<div class=\"pt-cv-taxoterm above_title\"><a href='https:\/\/www.dmsjuridica.com\/buscador_20179478954\/corteconstitucionalcronologico202454587\/category\/buscar-en-toda-la-corte\/1997\/tutelas-1997\/' title='Tutelas 1997' class='pt-cv-tax-tutelas-1997'>Tutelas 1997<\/a><\/div>\n<h4 class=\"pt-cv-title\"><a href=\"https:\/\/www.dmsjuridica.com\/buscador_20179478954\/corteconstitucionalcronologico202454587\/t-352-97\/\" class=\"_self\" target=\"_self\" >T 352 97<\/a><\/h4>\n<div class=\"pt-cv-content\">T-352-97 Sentencia T-352\/97 DERECHO A LA IGUALDAD-Definici\u00f3n La igualdad es un derecho relacional que involucra usualmente, cargas, bienes o derechos constitucionales o legales. La identificaci\u00f3n de las cargas o los beneficios que se reparten a trav\u00e9s de las medidas que generan un trato diferenciado, es eventualmente relevante para definir el grado de intensidad con el cual habr\u00e1 de realizarse el juicio de igualdad, pero de ninguna manera puede ser utilizada para desvirtuarlo. TRATAMIENTO DIFERENCIADO-Requisitos para su justificaci\u00f3n Para que una medida que establece un trato diferenciado en virtud de uno de los criterios constitucionalmente \"sospechosos\" supere el juicio de igualdad ...<br \/><div class=\"pt-cv-rmwrap\"><a href=\"https:\/\/www.dmsjuridica.com\/buscador_20179478954\/corteconstitucionalcronologico202454587\/t-352-97\/\" class=\"_self pt-cv-readmore btn btn-success\" target=\"_self\">Ver Sentencia Completa...<\/a><\/div><\/div><\/div><\/div>\n<div class=\"col-md-12 col-sm-12 col-xs-12 pt-cv-content-item pt-cv-1-col\" ><div class='pt-cv-ifield'><a href=\"https:\/\/www.dmsjuridica.com\/buscador_20179478954\/corteconstitucionalcronologico202454587\/t-351-97\/\" class=\"_self pt-cv-href-thumbnail pt-cv-thumb-default\" target=\"_self\" ><\/a>\n<div class=\"pt-cv-taxoterm above_title\"><a href='https:\/\/www.dmsjuridica.com\/buscador_20179478954\/corteconstitucionalcronologico202454587\/category\/buscar-en-toda-la-corte\/1997\/tutelas-1997\/' title='Tutelas 1997' class='pt-cv-tax-tutelas-1997'>Tutelas 1997<\/a><\/div>\n<h4 class=\"pt-cv-title\"><a href=\"https:\/\/www.dmsjuridica.com\/buscador_20179478954\/corteconstitucionalcronologico202454587\/t-351-97\/\" class=\"_self\" target=\"_self\" >T 351 97<\/a><\/h4>\n<div class=\"pt-cv-content\">T-351-97 Sentencia T-351\/97 ACCION DE TUTELA CONTRA PARTICULARES-Fundamento sociopol\u00edtico La tutela contra particulares extrae su fundamento socio-pol\u00edtico del desvanecimiento de la distinci\u00f3n entre lo p\u00fablico y lo privado que caracteriza a la comunidad contempor\u00e1nea; el fen\u00f3meno de la indefensi\u00f3n est\u00e1 encaminado a proteger a las personas de los abusos provenientes de cualquier poder: econ\u00f3mico, social, religioso, cultural, etc. El particular es destinatario de la acci\u00f3n de tutela, porque al lado del poder p\u00fablico, se encuentran conductas desplegadas por los particulares desde una condici\u00f3n de superioridad frente a los dem\u00e1s que afectan grave y directamente sus intereses, generando la necesidad de ...<br \/><div class=\"pt-cv-rmwrap\"><a href=\"https:\/\/www.dmsjuridica.com\/buscador_20179478954\/corteconstitucionalcronologico202454587\/t-351-97\/\" class=\"_self pt-cv-readmore btn btn-success\" target=\"_self\">Ver Sentencia Completa...<\/a><\/div><\/div><\/div><\/div>\n<div class=\"col-md-12 col-sm-12 col-xs-12 pt-cv-content-item pt-cv-1-col\" ><div class='pt-cv-ifield'><a href=\"https:\/\/www.dmsjuridica.com\/buscador_20179478954\/corteconstitucionalcronologico202454587\/t-349-97\/\" class=\"_self pt-cv-href-thumbnail pt-cv-thumb-default\" target=\"_self\" ><\/a>\n<div class=\"pt-cv-taxoterm above_title\"><a href='https:\/\/www.dmsjuridica.com\/buscador_20179478954\/corteconstitucionalcronologico202454587\/category\/buscar-en-toda-la-corte\/1997\/tutelas-1997\/' title='Tutelas 1997' class='pt-cv-tax-tutelas-1997'>Tutelas 1997<\/a><\/div>\n<h4 class=\"pt-cv-title\"><a href=\"https:\/\/www.dmsjuridica.com\/buscador_20179478954\/corteconstitucionalcronologico202454587\/t-349-97\/\" class=\"_self\" target=\"_self\" >T 349 97<\/a><\/h4>\n<div class=\"pt-cv-content\">T-349-97 Sentencia T-349\/97 ACCION DE TUTELA-Hecho superado Referencia: Expediente T-127.554 Peticionario: Jos\u00e9 Rodrigo Correa Salazar Procedencia: Juzgado Primero Laboral del Circuito de Cartago Tema: Hecho superado Magistrado Ponente: Dr. VLADIMIRO NARANJO MESA Santaf\u00e9 de Bogot\u00e1, D.C. veintinueve (29) de julio de mil novecientos noventa y siete (1997) La Sala Novena de Revisi\u00f3n de la Corte Constitucional, conformada por los Magistrados Vladimiro Naranjo Mesa -Presidente de la Sala-, Jorge Arango Mej\u00eda y Antonio Barrera Carbonell, ha pronunciado la siguiente SENTENCIA en el proceso de tutela radicado bajo el n\u00famero T-127.554, adelantado por el ciudadano Jos\u00e9 Rodrigo Correa Salazar en contra del ...<br \/><div class=\"pt-cv-rmwrap\"><a href=\"https:\/\/www.dmsjuridica.com\/buscador_20179478954\/corteconstitucionalcronologico202454587\/t-349-97\/\" class=\"_self pt-cv-readmore btn btn-success\" target=\"_self\">Ver Sentencia Completa...<\/a><\/div><\/div><\/div><\/div>\n<div class=\"col-md-12 col-sm-12 col-xs-12 pt-cv-content-item pt-cv-1-col\" ><div class='pt-cv-ifield'><a href=\"https:\/\/www.dmsjuridica.com\/buscador_20179478954\/corteconstitucionalcronologico202454587\/t-348-97\/\" class=\"_self pt-cv-href-thumbnail pt-cv-thumb-default\" target=\"_self\" ><\/a>\n<div class=\"pt-cv-taxoterm above_title\"><a href='https:\/\/www.dmsjuridica.com\/buscador_20179478954\/corteconstitucionalcronologico202454587\/category\/buscar-en-toda-la-corte\/1997\/tutelas-1997\/' title='Tutelas 1997' class='pt-cv-tax-tutelas-1997'>Tutelas 1997<\/a><\/div>\n<h4 class=\"pt-cv-title\"><a href=\"https:\/\/www.dmsjuridica.com\/buscador_20179478954\/corteconstitucionalcronologico202454587\/t-348-97\/\" class=\"_self\" target=\"_self\" >T 348 97<\/a><\/h4>\n<div class=\"pt-cv-content\">T-348-97 Sentencia T-348\/97 ACCION DE TUTELA DE UN DERECHO PRESTACIONAL-Requisitos concurrentes Como lo ha manifestado esta Corporaci\u00f3n, para que proceda la tutela de un derecho prestacional de aquellos que, en s\u00ed mismos, no tienen car\u00e1cter fundamental, como la salud, resulta necesario demostrar los siguientes requisitos concurrentes: (1) que la persona involucrada posee un derecho subjetivo a la prestaci\u00f3n que solicita y, por lo tanto, que el ordenamiento jur\u00eddico le ha adscrito a alguna persona, p\u00fablica o privada, la obligaci\u00f3n correlativa, (2) que tal derecho, en el caso concreto, encuentra una conexidad directa con alguno de los derechos que el ordenamiento ...<br \/><div class=\"pt-cv-rmwrap\"><a href=\"https:\/\/www.dmsjuridica.com\/buscador_20179478954\/corteconstitucionalcronologico202454587\/t-348-97\/\" class=\"_self pt-cv-readmore btn btn-success\" target=\"_self\">Ver Sentencia Completa...<\/a><\/div><\/div><\/div><\/div>\n<div class=\"col-md-12 col-sm-12 col-xs-12 pt-cv-content-item pt-cv-1-col\" ><div class='pt-cv-ifield'><a href=\"https:\/\/www.dmsjuridica.com\/buscador_20179478954\/corteconstitucionalcronologico202454587\/t-345-97\/\" class=\"_self pt-cv-href-thumbnail pt-cv-thumb-default\" target=\"_self\" ><\/a>\n<div class=\"pt-cv-taxoterm above_title\"><a href='https:\/\/www.dmsjuridica.com\/buscador_20179478954\/corteconstitucionalcronologico202454587\/category\/buscar-en-toda-la-corte\/1997\/tutelas-1997\/' title='Tutelas 1997' class='pt-cv-tax-tutelas-1997'>Tutelas 1997<\/a><\/div>\n<h4 class=\"pt-cv-title\"><a href=\"https:\/\/www.dmsjuridica.com\/buscador_20179478954\/corteconstitucionalcronologico202454587\/t-345-97\/\" class=\"_self\" target=\"_self\" >T 345 97<\/a><\/h4>\n<div class=\"pt-cv-content\">T-345-97 Sentencia T-345\/97 MEDIO DE DEFENSA JUDICIAL-Pago de prestaciones econ\u00f3micas sin afectaci\u00f3n de derechos fundamentales Salvo en casos extraordinarios, como aqu\u00e9llos en los que est\u00e9 de por medio el m\u00ednimo vital o en que se comprometa la subsistencia de personas de la tercera edad, el pago de prestaciones de contenido econ\u00f3mico puede lograrse a trav\u00e9s de los procedimientos ordinarios y no mediante la acci\u00f3n de tutela. No se configura ninguna circunstancia extraordinaria que haga del medio judicial ordinario un mecanismo inepto para la protecci\u00f3n de los derechos de la interesada, y puesto que no se ha establecido la inminencia de ...<br \/><div class=\"pt-cv-rmwrap\"><a href=\"https:\/\/www.dmsjuridica.com\/buscador_20179478954\/corteconstitucionalcronologico202454587\/t-345-97\/\" class=\"_self pt-cv-readmore btn btn-success\" target=\"_self\">Ver Sentencia Completa...<\/a><\/div><\/div><\/div><\/div>\n<div class=\"col-md-12 col-sm-12 col-xs-12 pt-cv-content-item pt-cv-1-col\" ><div class='pt-cv-ifield'><a href=\"https:\/\/www.dmsjuridica.com\/buscador_20179478954\/corteconstitucionalcronologico202454587\/t-344-97\/\" class=\"_self pt-cv-href-thumbnail pt-cv-thumb-default\" target=\"_self\" ><\/a>\n<div class=\"pt-cv-taxoterm above_title\"><a href='https:\/\/www.dmsjuridica.com\/buscador_20179478954\/corteconstitucionalcronologico202454587\/category\/buscar-en-toda-la-corte\/1997\/tutelas-1997\/' title='Tutelas 1997' class='pt-cv-tax-tutelas-1997'>Tutelas 1997<\/a><\/div>\n<h4 class=\"pt-cv-title\"><a href=\"https:\/\/www.dmsjuridica.com\/buscador_20179478954\/corteconstitucionalcronologico202454587\/t-344-97\/\" class=\"_self\" target=\"_self\" >T 344 97<\/a><\/h4>\n<div class=\"pt-cv-content\">T-344-97 Sentencia T-344\/97 CONVENCION COLECTIVA-Improcedencia en principio de cumplimiento por tutela La acci\u00f3n de tutela no tiene por objeto la sustituci\u00f3n ni el desplazamiento de los procedimientos judiciales ordinarios o especiales, sino de manera espec\u00edfica la protecci\u00f3n de los derechos fundamentales sometidos a violaci\u00f3n o amenaza siempre que no exista otro medio judicial apto para el mismo fin. Los accionantes buscaron el cumplimiento de las cl\u00e1usulas de una Convenci\u00f3n Colectiva en lo relativo a aumentos salariales, lo cual no puede resolverse en sede de tutela sino ante los jueces laborales. Es verdad que en providencias anteriores la Corte ha dado ...<br \/><div class=\"pt-cv-rmwrap\"><a href=\"https:\/\/www.dmsjuridica.com\/buscador_20179478954\/corteconstitucionalcronologico202454587\/t-344-97\/\" class=\"_self pt-cv-readmore btn btn-success\" target=\"_self\">Ver Sentencia Completa...<\/a><\/div><\/div><\/div><\/div>\n<div class=\"col-md-12 col-sm-12 col-xs-12 pt-cv-content-item pt-cv-1-col\" ><div class='pt-cv-ifield'><a href=\"https:\/\/www.dmsjuridica.com\/buscador_20179478954\/corteconstitucionalcronologico202454587\/t-343-97\/\" class=\"_self pt-cv-href-thumbnail pt-cv-thumb-default\" target=\"_self\" ><\/a>\n<div class=\"pt-cv-taxoterm above_title\"><a href='https:\/\/www.dmsjuridica.com\/buscador_20179478954\/corteconstitucionalcronologico202454587\/category\/buscar-en-toda-la-corte\/1997\/tutelas-1997\/' title='Tutelas 1997' class='pt-cv-tax-tutelas-1997'>Tutelas 1997<\/a><\/div>\n<h4 class=\"pt-cv-title\"><a href=\"https:\/\/www.dmsjuridica.com\/buscador_20179478954\/corteconstitucionalcronologico202454587\/t-343-97\/\" class=\"_self\" target=\"_self\" >T 343 97<\/a><\/h4>\n<div class=\"pt-cv-content\">T-343-97 Sentencia T-343\/97 PERSONERO MUNICIPAL-Presentaci\u00f3n de tutela\/DERECHO DE PETICION-Pronta resoluci\u00f3n Los personeros municipales obran leg\u00edtimamente cuando instauran acciones de tutela, con miras a la protecci\u00f3n de los derechos fundamentales de una persona indefensa. Lo que se acredita en el expediente -la absoluta indiferencia e impasibilidad de Cajanal en cuanto a la respuesta a la solicitud formulada- deja ver el estado de indefensi\u00f3n de la peticionaria, quien no cuenta con un mecanismo distinto de la acci\u00f3n de tutela para que se le responda, y las dificultades inherentes a su avanzada edad justifican plenamente que alguien, en su nombre, opere los mecanismos ...<br \/><div class=\"pt-cv-rmwrap\"><a href=\"https:\/\/www.dmsjuridica.com\/buscador_20179478954\/corteconstitucionalcronologico202454587\/t-343-97\/\" class=\"_self pt-cv-readmore btn btn-success\" target=\"_self\">Ver Sentencia Completa...<\/a><\/div><\/div><\/div><\/div>\n<div class=\"col-md-12 col-sm-12 col-xs-12 pt-cv-content-item pt-cv-1-col\" ><div class='pt-cv-ifield'><a href=\"https:\/\/www.dmsjuridica.com\/buscador_20179478954\/corteconstitucionalcronologico202454587\/t-342-97\/\" class=\"_self pt-cv-href-thumbnail pt-cv-thumb-default\" target=\"_self\" ><\/a>\n<div class=\"pt-cv-taxoterm above_title\"><a href='https:\/\/www.dmsjuridica.com\/buscador_20179478954\/corteconstitucionalcronologico202454587\/category\/buscar-en-toda-la-corte\/1997\/tutelas-1997\/' title='Tutelas 1997' class='pt-cv-tax-tutelas-1997'>Tutelas 1997<\/a><\/div>\n<h4 class=\"pt-cv-title\"><a href=\"https:\/\/www.dmsjuridica.com\/buscador_20179478954\/corteconstitucionalcronologico202454587\/t-342-97\/\" class=\"_self\" target=\"_self\" >T 342 97<\/a><\/h4>\n<div class=\"pt-cv-content\">T-342-97 Sentencia T-342\/97 ACCION DE TUTELA-Demostraci\u00f3n de amenaza o vulneraci\u00f3n de derechos fundamentales ACCION DE TUTELA-Improcedencia por atenci\u00f3n oportuna y debida en salud de recluso Referencia: Expediente T-129.435Peticionario: Julio Jaime Moreno Sep\u00falveda contra el Director de la C\u00e1rcel del Circuito de Aguadas, CaldasMagistrado Ponente:Dr. HERNANDO HERRERA VERGARA Santa Fe de Bogot\u00e1, julio dieciocho (18) de mil novecientos noventa y siete (1997).En cumplimiento de lo dispuesto por el art\u00edculo 241 numeral 9o. de la Constituci\u00f3n Pol\u00edtica, en concordancia con los art\u00edculos 33 y 36 del Decreto 2591 de 1991, el Juzgado Penal Municipal de Aguadas, Caldas, remiti\u00f3 a la Corte Constitucional ...<br \/><div class=\"pt-cv-rmwrap\"><a href=\"https:\/\/www.dmsjuridica.com\/buscador_20179478954\/corteconstitucionalcronologico202454587\/t-342-97\/\" class=\"_self pt-cv-readmore btn btn-success\" target=\"_self\">Ver Sentencia Completa...<\/a><\/div><\/div><\/div><\/div>\n<div class=\"col-md-12 col-sm-12 col-xs-12 pt-cv-content-item pt-cv-1-col\" ><div class='pt-cv-ifield'><a href=\"https:\/\/www.dmsjuridica.com\/buscador_20179478954\/corteconstitucionalcronologico202454587\/t-341-97\/\" class=\"_self pt-cv-href-thumbnail pt-cv-thumb-default\" target=\"_self\" ><\/a>\n<div class=\"pt-cv-taxoterm above_title\"><a href='https:\/\/www.dmsjuridica.com\/buscador_20179478954\/corteconstitucionalcronologico202454587\/category\/buscar-en-toda-la-corte\/1997\/tutelas-1997\/' title='Tutelas 1997' class='pt-cv-tax-tutelas-1997'>Tutelas 1997<\/a><\/div>\n<h4 class=\"pt-cv-title\"><a href=\"https:\/\/www.dmsjuridica.com\/buscador_20179478954\/corteconstitucionalcronologico202454587\/t-341-97\/\" class=\"_self\" target=\"_self\" >T 341 97<\/a><\/h4>\n<div class=\"pt-cv-content\">T-341-97 Sentencia T-341\/97 ACCION DE TUTELA-Improcedencia por inexistencia violaci\u00f3n de derechos fundamentales Referencia: Expediente T-126.710 Peticionario: Segundo Alonso Pasi\u00f3n Villamil contra la Sociedad Salesiana y su Inspector\u00eda San Pedro Claver de Santa F\u00e9 de Bogot\u00e1. Magistrado Ponente: Dr. HERNANDO HERRERA VERGARA Santa F\u00e9 de Bogot\u00e1, D.C., julio dieciocho (18) de mil novecientos noventa y siete (1997). En cumplimiento de lo dispuesto por el art\u00edculo 241 numeral 9\u00ba de la Constituci\u00f3n Pol\u00edtica, en concordancia con los art\u00edculos 33 y 36 del Decreto 2591 de 1991, la Sala Civil del Tribunal Superior de Bogot\u00e1 remiti\u00f3 a la Corte Constitucional el expediente de ...<br \/><div class=\"pt-cv-rmwrap\"><a href=\"https:\/\/www.dmsjuridica.com\/buscador_20179478954\/corteconstitucionalcronologico202454587\/t-341-97\/\" class=\"_self pt-cv-readmore btn btn-success\" target=\"_self\">Ver Sentencia Completa...<\/a><\/div><\/div><\/div><\/div>\n<div class=\"col-md-12 col-sm-12 col-xs-12 pt-cv-content-item pt-cv-1-col\" ><div class='pt-cv-ifield'><a href=\"https:\/\/www.dmsjuridica.com\/buscador_20179478954\/corteconstitucionalcronologico202454587\/t-340-97\/\" class=\"_self pt-cv-href-thumbnail pt-cv-thumb-default\" target=\"_self\" ><\/a>\n<div class=\"pt-cv-taxoterm above_title\"><a href='https:\/\/www.dmsjuridica.com\/buscador_20179478954\/corteconstitucionalcronologico202454587\/category\/buscar-en-toda-la-corte\/1997\/tutelas-1997\/' title='Tutelas 1997' class='pt-cv-tax-tutelas-1997'>Tutelas 1997<\/a><\/div>\n<h4 class=\"pt-cv-title\"><a href=\"https:\/\/www.dmsjuridica.com\/buscador_20179478954\/corteconstitucionalcronologico202454587\/t-340-97\/\" class=\"_self\" target=\"_self\" >T 340 97<\/a><\/h4>\n<div class=\"pt-cv-content\">T-340-97 Sentencia T-340\/97 ACCION DE TUTELA-No dirime derechos litigiosos emanados de interpretaci\u00f3n de ley\/ACCION DE TUTELA-No resuelve conflictos judiciales cuyas competencias est\u00e1n establecidas No fue erigida por el Constituyente de 1991 para dirimir derechos litigiosos emanados de la interpretaci\u00f3n de la ley, ni resolver conflictos judiciales cuyas competencias se encuentran plenamente establecidas en nuestro ordenamiento jur\u00eddico, pues ello equivaldr\u00eda a llegar a la inaceptable conclusi\u00f3n de que el juez de tutela puede sustituir al juez ordinario en la definici\u00f3n de dichos diferendos salvo, desde luego, cuando se configura la violaci\u00f3n de los derechos constitucionales fundamentales y sea inminente la existencia ...<br \/><div class=\"pt-cv-rmwrap\"><a href=\"https:\/\/www.dmsjuridica.com\/buscador_20179478954\/corteconstitucionalcronologico202454587\/t-340-97\/\" class=\"_self pt-cv-readmore btn btn-success\" target=\"_self\">Ver Sentencia Completa...<\/a><\/div><\/div><\/div><\/div>\n<div class=\"col-md-12 col-sm-12 col-xs-12 pt-cv-content-item pt-cv-1-col\" ><div class='pt-cv-ifield'><a href=\"https:\/\/www.dmsjuridica.com\/buscador_20179478954\/corteconstitucionalcronologico202454587\/t-339-97\/\" class=\"_self pt-cv-href-thumbnail pt-cv-thumb-default\" target=\"_self\" ><\/a>\n<div class=\"pt-cv-taxoterm above_title\"><a href='https:\/\/www.dmsjuridica.com\/buscador_20179478954\/corteconstitucionalcronologico202454587\/category\/buscar-en-toda-la-corte\/1997\/tutelas-1997\/' title='Tutelas 1997' class='pt-cv-tax-tutelas-1997'>Tutelas 1997<\/a><\/div>\n<h4 class=\"pt-cv-title\"><a href=\"https:\/\/www.dmsjuridica.com\/buscador_20179478954\/corteconstitucionalcronologico202454587\/t-339-97\/\" class=\"_self\" target=\"_self\" >T 339 97<\/a><\/h4>\n<div class=\"pt-cv-content\">T-339-97 Sentencia T-339\/97 SUBORDINACION-Pensionado\/INDEFENSION-M\u00ednimo vital del pensionado El pensionado est\u00e1 en situaci\u00f3n de subordinaci\u00f3n respecto a quien de una u otra manera tiene que ver con la prestaci\u00f3n, y si \u00e9sta significa el m\u00ednimo vital para el jubilado, con mayor raz\u00f3n la tutela cabe porque aqu\u00e9l estar\u00eda en situaci\u00f3n de indefensi\u00f3n frente a quien viole o amenace violar el m\u00ednimo vital del peticionario. ACCION DE TUTELA CONTRA PERSONA JURIDICA-Cambio de nombre no afecta tr\u00e1mite de acci\u00f3n La presente acci\u00f3n al ser instaurada se dirigi\u00f3 contra la entidad a quien habr\u00eda que d\u00e1rsele la orden en el caso de que prosperara ...<br \/><div class=\"pt-cv-rmwrap\"><a href=\"https:\/\/www.dmsjuridica.com\/buscador_20179478954\/corteconstitucionalcronologico202454587\/t-339-97\/\" class=\"_self pt-cv-readmore btn btn-success\" target=\"_self\">Ver Sentencia Completa...<\/a><\/div><\/div><\/div><\/div>\n<div class=\"col-md-12 col-sm-12 col-xs-12 pt-cv-content-item pt-cv-1-col\" ><div class='pt-cv-ifield'><a href=\"https:\/\/www.dmsjuridica.com\/buscador_20179478954\/corteconstitucionalcronologico202454587\/t-336-97\/\" class=\"_self pt-cv-href-thumbnail pt-cv-thumb-default\" target=\"_self\" ><\/a>\n<div class=\"pt-cv-taxoterm above_title\"><a href='https:\/\/www.dmsjuridica.com\/buscador_20179478954\/corteconstitucionalcronologico202454587\/category\/buscar-en-toda-la-corte\/1997\/tutelas-1997\/' title='Tutelas 1997' class='pt-cv-tax-tutelas-1997'>Tutelas 1997<\/a><\/div>\n<h4 class=\"pt-cv-title\"><a href=\"https:\/\/www.dmsjuridica.com\/buscador_20179478954\/corteconstitucionalcronologico202454587\/t-336-97\/\" class=\"_self\" target=\"_self\" >T 336 97<\/a><\/h4>\n<div class=\"pt-cv-content\">T-336-97 Sentencia T-336\/97 REVOCACION DIRECTA DE ACTO ADMINISTRATIVO PARTICULAR Y CONCRETO-Alcance de su procedencia No obstante la facultad de la administraci\u00f3n de revocar sus propios actos, carece ella de un car\u00e1cter absoluto, pues en su ejercicio no puede atropellar los derechos de los particulares. Cabe la tutela para dejar sin efectos el acto de revocaci\u00f3n y ordenar a la respectiva autoridad que cumpla, a favor del afectado, el acto inicial por ella proferido, en el que hubiese reconocido o creado un derecho individual. Desde luego, la administraci\u00f3n est\u00e1 autorizada expresamente por el C\u00f3digo Contencioso Administrativo para revocar, sin el consentimiento ...<br \/><div class=\"pt-cv-rmwrap\"><a href=\"https:\/\/www.dmsjuridica.com\/buscador_20179478954\/corteconstitucionalcronologico202454587\/t-336-97\/\" class=\"_self pt-cv-readmore btn btn-success\" target=\"_self\">Ver Sentencia Completa...<\/a><\/div><\/div><\/div><\/div>\n<div class=\"col-md-12 col-sm-12 col-xs-12 pt-cv-content-item pt-cv-1-col\" ><div class='pt-cv-ifield'><a href=\"https:\/\/www.dmsjuridica.com\/buscador_20179478954\/corteconstitucionalcronologico202454587\/t-335-97\/\" class=\"_self pt-cv-href-thumbnail pt-cv-thumb-default\" target=\"_self\" ><\/a>\n<div class=\"pt-cv-taxoterm above_title\"><a href='https:\/\/www.dmsjuridica.com\/buscador_20179478954\/corteconstitucionalcronologico202454587\/category\/buscar-en-toda-la-corte\/1997\/tutelas-1997\/' title='Tutelas 1997' class='pt-cv-tax-tutelas-1997'>Tutelas 1997<\/a><\/div>\n<h4 class=\"pt-cv-title\"><a href=\"https:\/\/www.dmsjuridica.com\/buscador_20179478954\/corteconstitucionalcronologico202454587\/t-335-97\/\" class=\"_self\" target=\"_self\" >T 335 97<\/a><\/h4>\n<div class=\"pt-cv-content\">T-335-97 Sentencia T-335\/97 DERECHO DE PETICION-Resoluci\u00f3n material de la solicitud La Constituci\u00f3n contempla las situaciones de subordinaci\u00f3n e indefensi\u00f3n, al lado de otras, como factores que determinan si en un cierto caso procede, excepcionalmente, la acci\u00f3n de tutela contra particulares. No as\u00ed para los eventos en los que el derecho o los derechos invocados pueden estar en peligro o ser vulnerados por autoridades o servidores p\u00fablicos, ya que en tales ocasiones la indefensi\u00f3n del ciudadano ante el poder del aparato estatal se presume. ACCION DE TUTELA-Autonom\u00eda para protecci\u00f3n de derechos fundamentales La acci\u00f3n de tutela es un instrumento aut\u00f3nomo, de ...<br \/><div class=\"pt-cv-rmwrap\"><a href=\"https:\/\/www.dmsjuridica.com\/buscador_20179478954\/corteconstitucionalcronologico202454587\/t-335-97\/\" class=\"_self pt-cv-readmore btn btn-success\" target=\"_self\">Ver Sentencia Completa...<\/a><\/div><\/div><\/div><\/div>\n<div class=\"col-md-12 col-sm-12 col-xs-12 pt-cv-content-item pt-cv-1-col\" ><div class='pt-cv-ifield'><a href=\"https:\/\/www.dmsjuridica.com\/buscador_20179478954\/corteconstitucionalcronologico202454587\/t-334-97\/\" class=\"_self pt-cv-href-thumbnail pt-cv-thumb-default\" target=\"_self\" ><\/a>\n<div class=\"pt-cv-taxoterm above_title\"><a href='https:\/\/www.dmsjuridica.com\/buscador_20179478954\/corteconstitucionalcronologico202454587\/category\/buscar-en-toda-la-corte\/1997\/tutelas-1997\/' title='Tutelas 1997' class='pt-cv-tax-tutelas-1997'>Tutelas 1997<\/a><\/div>\n<h4 class=\"pt-cv-title\"><a href=\"https:\/\/www.dmsjuridica.com\/buscador_20179478954\/corteconstitucionalcronologico202454587\/t-334-97\/\" class=\"_self\" target=\"_self\" >T 334 97<\/a><\/h4>\n<div class=\"pt-cv-content\">T-334-97 Sentencia T-334\/97 ACCION DE TUTELA-Improcedencia por no ejercicio oportuno de mecanismo de defensa judicial\/ACCION DE TUTELA-No es un recurso adicional Si el accionante dej\u00f3 pasar la oportunidad que ten\u00eda, a la luz del ordenamiento jur\u00eddico en vigor, para utilizar los mecanismos de protecci\u00f3n propicios, con miras a alcanzar sus pretensiones, no es la tutela el procedimiento sustitutivo de los medios judiciales que el peticionario dej\u00f3 de utilizar. Su naturaleza, no es la de recurso adicional encaminado a lograr una decisi\u00f3n favorable para el actor, cuando ya \u00e9ste ha fracasado en la utilizaci\u00f3n de los ordinarios o cuando ha dejado ...<br \/><div class=\"pt-cv-rmwrap\"><a href=\"https:\/\/www.dmsjuridica.com\/buscador_20179478954\/corteconstitucionalcronologico202454587\/t-334-97\/\" class=\"_self pt-cv-readmore btn btn-success\" target=\"_self\">Ver Sentencia Completa...<\/a><\/div><\/div><\/div><\/div>\n<div class=\"col-md-12 col-sm-12 col-xs-12 pt-cv-content-item pt-cv-1-col\" ><div class='pt-cv-ifield'><a href=\"https:\/\/www.dmsjuridica.com\/buscador_20179478954\/corteconstitucionalcronologico202454587\/t-333-97\/\" class=\"_self pt-cv-href-thumbnail pt-cv-thumb-default\" target=\"_self\" ><\/a>\n<div class=\"pt-cv-taxoterm above_title\"><a href='https:\/\/www.dmsjuridica.com\/buscador_20179478954\/corteconstitucionalcronologico202454587\/category\/buscar-en-toda-la-corte\/1997\/tutelas-1997\/' title='Tutelas 1997' class='pt-cv-tax-tutelas-1997'>Tutelas 1997<\/a><\/div>\n<h4 class=\"pt-cv-title\"><a href=\"https:\/\/www.dmsjuridica.com\/buscador_20179478954\/corteconstitucionalcronologico202454587\/t-333-97\/\" class=\"_self\" target=\"_self\" >T 333 97<\/a><\/h4>\n<div class=\"pt-cv-content\">T-333-97 Sentencia T-333\/97 DERECHO AL MINIMO VITAL-Inclusi\u00f3n en n\u00f3mina\/PENSION DE JUBILACION-Inclusi\u00f3n en n\u00f3mina la acci\u00f3n de tutela tiene cabida, en especial trat\u00e1ndose de situaciones en que el m\u00ednimo vital est\u00e1 comprometido, para que la persona a quien la entidad obligada ya ha reconocido su derecho a la pensi\u00f3n sea inscrita en n\u00f3mina, con el fin de recibir el pago oportuno de sus mesadas, en acatamiento al art\u00edculo 53 de la Constituci\u00f3n Pol\u00edtica. DERECHO AL MINIMO VITAL-Pago oportuno de mesadas pensionales\/ACCION DE TUTELA TRANSITORIA-Pago oportuno de mesadas pensionales\/DERECHO A LA DIGNA SUBSISTENCIA DEL PENSIONADO-Cancelaci\u00f3n de mesadas en forma transitoria Estando de ...<br \/><div class=\"pt-cv-rmwrap\"><a href=\"https:\/\/www.dmsjuridica.com\/buscador_20179478954\/corteconstitucionalcronologico202454587\/t-333-97\/\" class=\"_self pt-cv-readmore btn btn-success\" target=\"_self\">Ver Sentencia Completa...<\/a><\/div><\/div><\/div><\/div>\n<div class=\"col-md-12 col-sm-12 col-xs-12 pt-cv-content-item pt-cv-1-col\" ><div class='pt-cv-ifield'><a href=\"https:\/\/www.dmsjuridica.com\/buscador_20179478954\/corteconstitucionalcronologico202454587\/t-332-97\/\" class=\"_self pt-cv-href-thumbnail pt-cv-thumb-default\" target=\"_self\" ><\/a>\n<div class=\"pt-cv-taxoterm above_title\"><a href='https:\/\/www.dmsjuridica.com\/buscador_20179478954\/corteconstitucionalcronologico202454587\/category\/buscar-en-toda-la-corte\/1997\/tutelas-1997\/' title='Tutelas 1997' class='pt-cv-tax-tutelas-1997'>Tutelas 1997<\/a><\/div>\n<h4 class=\"pt-cv-title\"><a href=\"https:\/\/www.dmsjuridica.com\/buscador_20179478954\/corteconstitucionalcronologico202454587\/t-332-97\/\" class=\"_self\" target=\"_self\" >T 332 97<\/a><\/h4>\n<div class=\"pt-cv-content\">T-332-97 Sentencia T-332\/97 ACCION DE TUTELA-Improcedencia sobre controversias de \u00edndole puramente laboral\/INCUMPLIMIENTO DE CONVENIO LABORAL-Improcedencia de tutela Las diferencias entre los m\u00e9dicos especialistas accionantes y la administraci\u00f3n de los hospitales a los que prestan sus servicios reca\u00edan espec\u00edfica y directamente en el incumplimiento de un convenio de car\u00e1cter laboral relativo al pago de una prima t\u00e9cnica, sin vinculaci\u00f3n alguna con derechos fundamentales, por lo cual la regla aplicable no era otra que la plasmada en el art\u00edculo 86 de la Constituci\u00f3n: salvo el perjuicio irremediable, no cabe la tutela si existe otro medio judicial para la defensa del interesado. Los ...<br \/><div class=\"pt-cv-rmwrap\"><a href=\"https:\/\/www.dmsjuridica.com\/buscador_20179478954\/corteconstitucionalcronologico202454587\/t-332-97\/\" class=\"_self pt-cv-readmore btn btn-success\" target=\"_self\">Ver Sentencia Completa...<\/a><\/div><\/div><\/div><\/div>\n<div class=\"col-md-12 col-sm-12 col-xs-12 pt-cv-content-item pt-cv-1-col\" ><div class='pt-cv-ifield'><a href=\"https:\/\/www.dmsjuridica.com\/buscador_20179478954\/corteconstitucionalcronologico202454587\/t-331-97\/\" class=\"_self pt-cv-href-thumbnail pt-cv-thumb-default\" target=\"_self\" ><\/a>\n<div class=\"pt-cv-taxoterm above_title\"><a href='https:\/\/www.dmsjuridica.com\/buscador_20179478954\/corteconstitucionalcronologico202454587\/category\/buscar-en-toda-la-corte\/1997\/tutelas-1997\/' title='Tutelas 1997' class='pt-cv-tax-tutelas-1997'>Tutelas 1997<\/a><\/div>\n<h4 class=\"pt-cv-title\"><a href=\"https:\/\/www.dmsjuridica.com\/buscador_20179478954\/corteconstitucionalcronologico202454587\/t-331-97\/\" class=\"_self\" target=\"_self\" >T 331 97<\/a><\/h4>\n<div class=\"pt-cv-content\">T-331-97 Sentencia T-331\/97 DEFENSOR DEL PUEBLO O PERSONERO MUNICIPAL-Persiguen en nombre de la sociedad proteger los derechos fundamentales Para que el Defensor del Pueblo o el Personero Municipal act\u00faen no necesitan estar personalmente interesados en el caso, ni tampoco exhibir un poder conferido por la persona afectada. Su funci\u00f3n no es la de representar intereses particulares en virtud de mandato judicial sino la de buscar, a nombre de la sociedad, la protecci\u00f3n efectiva de los derechos fundamentales de las personas residentes en Colombia. Si la acci\u00f3n de tutela es una de las v\u00edas para ello, su actividad, ordenada a provocar ...<br \/><div class=\"pt-cv-rmwrap\"><a href=\"https:\/\/www.dmsjuridica.com\/buscador_20179478954\/corteconstitucionalcronologico202454587\/t-331-97\/\" class=\"_self pt-cv-readmore btn btn-success\" target=\"_self\">Ver Sentencia Completa...<\/a><\/div><\/div><\/div><\/div>\n<div class=\"col-md-12 col-sm-12 col-xs-12 pt-cv-content-item pt-cv-1-col\" ><div class='pt-cv-ifield'><a href=\"https:\/\/www.dmsjuridica.com\/buscador_20179478954\/corteconstitucionalcronologico202454587\/t-330-97\/\" class=\"_self pt-cv-href-thumbnail pt-cv-thumb-default\" target=\"_self\" ><\/a>\n<div class=\"pt-cv-taxoterm above_title\"><a href='https:\/\/www.dmsjuridica.com\/buscador_20179478954\/corteconstitucionalcronologico202454587\/category\/buscar-en-toda-la-corte\/1997\/tutelas-1997\/' title='Tutelas 1997' class='pt-cv-tax-tutelas-1997'>Tutelas 1997<\/a><\/div>\n<h4 class=\"pt-cv-title\"><a href=\"https:\/\/www.dmsjuridica.com\/buscador_20179478954\/corteconstitucionalcronologico202454587\/t-330-97\/\" class=\"_self\" target=\"_self\" >T 330 97<\/a><\/h4>\n<div class=\"pt-cv-content\">T-330-97 Sentencia T-330\/97 LEGITIMACION POR ACTIVA EN TUTELA-Intereses sindicales\/SINDICATO-Intereses colectivos La Corte lleg\u00f3 a la conclusi\u00f3n de que en trat\u00e1ndose de intereses que est\u00e1n radicados en cabeza de la organizaci\u00f3n sindical, no pueden los trabajadores afiliados al mismo, individualmente considerados, instaurar una acci\u00f3n que pretenda obtener la protecci\u00f3n de derechos de naturaleza colectiva, pues faltar\u00eda la legitimaci\u00f3n en la causa para actuar. DERECHO A LA IGUALDAD-Plan de beneficios laborales discriminatorios por Icollantas\/DERECHO DE ASOCIACION SINDICAL-Plan de beneficios laborales discriminatorios por Icollantas\/INDUSTRIA COLOMBIANA DE LLANTAS-Plan de beneficios laborales discriminatorio contra sindicalizados Referencia: Expedientes acumulados T-114836, T-116317, T-117936 y T-125651. Acciones de ...<br \/><div class=\"pt-cv-rmwrap\"><a href=\"https:\/\/www.dmsjuridica.com\/buscador_20179478954\/corteconstitucionalcronologico202454587\/t-330-97\/\" class=\"_self pt-cv-readmore btn btn-success\" target=\"_self\">Ver Sentencia Completa...<\/a><\/div><\/div><\/div><\/div>\n<div class=\"col-md-12 col-sm-12 col-xs-12 pt-cv-content-item pt-cv-1-col\" ><div class='pt-cv-ifield'><a href=\"https:\/\/www.dmsjuridica.com\/buscador_20179478954\/corteconstitucionalcronologico202454587\/t-329-97\/\" class=\"_self pt-cv-href-thumbnail pt-cv-thumb-default\" target=\"_self\" ><\/a>\n<div class=\"pt-cv-taxoterm above_title\"><a href='https:\/\/www.dmsjuridica.com\/buscador_20179478954\/corteconstitucionalcronologico202454587\/category\/buscar-en-toda-la-corte\/1997\/tutelas-1997\/' title='Tutelas 1997' class='pt-cv-tax-tutelas-1997'>Tutelas 1997<\/a><\/div>\n<h4 class=\"pt-cv-title\"><a href=\"https:\/\/www.dmsjuridica.com\/buscador_20179478954\/corteconstitucionalcronologico202454587\/t-329-97\/\" class=\"_self\" target=\"_self\" >T 329 97<\/a><\/h4>\n<div class=\"pt-cv-content\">T-329-97 Sentencia T-329\/97 DERECHO A LA EDUCACION-Protecci\u00f3n Por hallarse la educaci\u00f3n ubicada en la categor\u00eda de los derechos fundamentales, su titular dispone de los instrumentos que la hacen inmediatamente exigible frente al Estado o a los particulares que prestan ese servicio p\u00fablico, debido a lo cual la acci\u00f3n de tutela es un mecanismo apropiado para neutralizar aquellas acciones u omisiones que comporten la negaci\u00f3n de las prerrogativas en que consiste el derecho. DERECHO A LA EDUCACION-N\u00facleo esencial El n\u00facleo esencial del derecho a la educaci\u00f3n comprende el acceso y la permanencia en el sistema educativo. ACCESO AL SISTEMA EDUCATIVO\/EDUCACION ESPECIAL-Respaldo ...<br \/><div class=\"pt-cv-rmwrap\"><a href=\"https:\/\/www.dmsjuridica.com\/buscador_20179478954\/corteconstitucionalcronologico202454587\/t-329-97\/\" class=\"_self pt-cv-readmore btn btn-success\" target=\"_self\">Ver Sentencia Completa...<\/a><\/div><\/div><\/div><\/div>\n<div class=\"col-md-12 col-sm-12 col-xs-12 pt-cv-content-item pt-cv-1-col\" ><div class='pt-cv-ifield'><a href=\"https:\/\/www.dmsjuridica.com\/buscador_20179478954\/corteconstitucionalcronologico202454587\/t-328-97\/\" class=\"_self pt-cv-href-thumbnail pt-cv-thumb-default\" target=\"_self\" ><\/a>\n<div class=\"pt-cv-taxoterm above_title\"><a href='https:\/\/www.dmsjuridica.com\/buscador_20179478954\/corteconstitucionalcronologico202454587\/category\/buscar-en-toda-la-corte\/1997\/tutelas-1997\/' title='Tutelas 1997' class='pt-cv-tax-tutelas-1997'>Tutelas 1997<\/a><\/div>\n<h4 class=\"pt-cv-title\"><a href=\"https:\/\/www.dmsjuridica.com\/buscador_20179478954\/corteconstitucionalcronologico202454587\/t-328-97\/\" class=\"_self\" target=\"_self\" >T 328 97<\/a><\/h4>\n<div class=\"pt-cv-content\">T-328-97 Sentencia T-328\/97 REVOCACION DIRECTA DE ACTO ADMINISTRATIVO PARTICULAR Y CONCRETO-Consentimiento expreso y escrito del titular\/SUSTITUCION PENSIONAL-Consentimiento del titular para suspensi\u00f3n Al no existir la autorizaci\u00f3n expresa del demandante no es posible proceder a suspender el pago de la sustituci\u00f3n pensional del actor, en forma unilateral, y el derecho a continuar disfrutando de la misma, pues ello equivale a dejar sin efecto el acto que cre\u00f3 en su favor una situaci\u00f3n jur\u00eddica individual y concreta, o lo que es lo mismo, a revocar el acto administrativo, sin su consentimiento expreso. Ante la negativa del demandante para consentir en la revocatoria, ...<br \/><div class=\"pt-cv-rmwrap\"><a href=\"https:\/\/www.dmsjuridica.com\/buscador_20179478954\/corteconstitucionalcronologico202454587\/t-328-97\/\" class=\"_self pt-cv-readmore btn btn-success\" target=\"_self\">Ver Sentencia Completa...<\/a><\/div><\/div><\/div><\/div>\n<div class=\"col-md-12 col-sm-12 col-xs-12 pt-cv-content-item pt-cv-1-col\" ><div class='pt-cv-ifield'><a href=\"https:\/\/www.dmsjuridica.com\/buscador_20179478954\/corteconstitucionalcronologico202454587\/t-322-97\/\" class=\"_self pt-cv-href-thumbnail pt-cv-thumb-default\" target=\"_self\" ><\/a>\n<div class=\"pt-cv-taxoterm above_title\"><a href='https:\/\/www.dmsjuridica.com\/buscador_20179478954\/corteconstitucionalcronologico202454587\/category\/buscar-en-toda-la-corte\/1997\/tutelas-1997\/' title='Tutelas 1997' class='pt-cv-tax-tutelas-1997'>Tutelas 1997<\/a><\/div>\n<h4 class=\"pt-cv-title\"><a href=\"https:\/\/www.dmsjuridica.com\/buscador_20179478954\/corteconstitucionalcronologico202454587\/t-322-97\/\" class=\"_self\" target=\"_self\" >T 322 97<\/a><\/h4>\n<div class=\"pt-cv-content\">T-322-97 Sentencia T-322\/97 DERECHO A LA VIDA DIGNA-Atenci\u00f3n m\u00e9dica y quir\u00fargica esposa de extrabajador La gravedad de la lesi\u00f3n que padece la actora, que le produce dolor y que la mantiene inmovilizada en una silla de ruedas, necesariamente implica un desconocimiento de su derecho a disfrutar de una vida digna y a no ser objeto de tratos inhumanos, crueles o degradantes. La negativa a practicar la cirug\u00eda, viola el principio de la dignidad humana y afecta en este caso concreto sus derechos fundamentales a no ser objeto de tratos inhumanos crueles o degradantes, y a la igualdad de oportunidades. En ...<br \/><div class=\"pt-cv-rmwrap\"><a href=\"https:\/\/www.dmsjuridica.com\/buscador_20179478954\/corteconstitucionalcronologico202454587\/t-322-97\/\" class=\"_self pt-cv-readmore btn btn-success\" target=\"_self\">Ver Sentencia Completa...<\/a><\/div><\/div><\/div><\/div>\n<div class=\"col-md-12 col-sm-12 col-xs-12 pt-cv-content-item pt-cv-1-col\" ><div class='pt-cv-ifield'><a href=\"https:\/\/www.dmsjuridica.com\/buscador_20179478954\/corteconstitucionalcronologico202454587\/t-321-97\/\" class=\"_self pt-cv-href-thumbnail pt-cv-thumb-default\" target=\"_self\" ><\/a>\n<div class=\"pt-cv-taxoterm above_title\"><a href='https:\/\/www.dmsjuridica.com\/buscador_20179478954\/corteconstitucionalcronologico202454587\/category\/buscar-en-toda-la-corte\/1997\/tutelas-1997\/' title='Tutelas 1997' class='pt-cv-tax-tutelas-1997'>Tutelas 1997<\/a><\/div>\n<h4 class=\"pt-cv-title\"><a href=\"https:\/\/www.dmsjuridica.com\/buscador_20179478954\/corteconstitucionalcronologico202454587\/t-321-97\/\" class=\"_self\" target=\"_self\" >T 321 97<\/a><\/h4>\n<div class=\"pt-cv-content\">T-321-97 Sentencia T-321\/97 ACCION DE TUTELA-Hecho superado Referencia: Expedientes y peticionarios : T-112497 : Fernando Mogoll\u00f3n S\u00e1nchez T-112515 : Jos\u00e9 Domingo Saavedra T-112516 : Jorge E. Arango Estrada T-112518 : Blanca Benjumea Betancurt T-112555 : Mar\u00eda del Rosario Merch\u00e1n Gloria Neiva Jim\u00e9nez Luis Alfredo Lobat\u00e1n Mateus T-112696 : Mercedes L\u00f3pez Osorio T-112697 : Carlos Rafael Torres T-112698 : Luis Hernando Bulla T-112699 : Heraclio Gil C\u00e1rdenas T-112714 : Leonor Riveros Gait\u00e1n T-112716 : Cecilia Garc\u00eda de Garc\u00eda T-112724 : Jos\u00e9 Nicodemus Buitrago T-112726 : Israel Garz\u00f3n Chilito T-112727 : Amparo Garc\u00eda L\u00f3pez T-112734 : Leydi Yadira Salamanca Pineda Noralba Alfonso ...<br \/><div class=\"pt-cv-rmwrap\"><a href=\"https:\/\/www.dmsjuridica.com\/buscador_20179478954\/corteconstitucionalcronologico202454587\/t-321-97\/\" class=\"_self pt-cv-readmore btn btn-success\" target=\"_self\">Ver Sentencia Completa...<\/a><\/div><\/div><\/div><\/div>\n<div class=\"col-md-12 col-sm-12 col-xs-12 pt-cv-content-item pt-cv-1-col\" ><div class='pt-cv-ifield'><a href=\"https:\/\/www.dmsjuridica.com\/buscador_20179478954\/corteconstitucionalcronologico202454587\/t-319-97\/\" class=\"_self pt-cv-href-thumbnail pt-cv-thumb-default\" target=\"_self\" ><\/a>\n<div class=\"pt-cv-taxoterm above_title\"><a href='https:\/\/www.dmsjuridica.com\/buscador_20179478954\/corteconstitucionalcronologico202454587\/category\/buscar-en-toda-la-corte\/1997\/tutelas-1997\/' title='Tutelas 1997' class='pt-cv-tax-tutelas-1997'>Tutelas 1997<\/a><\/div>\n<h4 class=\"pt-cv-title\"><a href=\"https:\/\/www.dmsjuridica.com\/buscador_20179478954\/corteconstitucionalcronologico202454587\/t-319-97\/\" class=\"_self\" target=\"_self\" >T 319 97<\/a><\/h4>\n<div class=\"pt-cv-content\">T-319-97 Sentencia T-319\/97 ACCION DE TUTELA CONTRA PARTICULARES-Improcedencia resarcimiento de perjuicios MEDIO DE DEFENSA JUDICIAL EFICAZ-Responsabilidad por delito Accionante: Orlando Cely Cepeda Procedencia: Juzgado Sesenta Penal Municipal de Bogot\u00e1 Magistrado Ponente: Dr. ALEJANDRO MARTINEZ CABALLERO SENTENCIA Santa Fe de Bogot\u00e1, D.C., primero (1) de julio de mil novecientos noventa y siete (1997) La Sala S\u00e9ptima de Revisi\u00f3n de la Corte Constitucional, integrada por los Magistrados doctores Fabio Mor\u00f3n D\u00edaz, Vladimiro Naranjo Mesa y Alejandro Mart\u00ednez Caballero, quien la preside, en ejercicio de sus competencias constitucionales y legales, y EN NOMBRE DEL PUEBLO Y POR MANDATO DE LA CONSTITUCION Ha pronunciado ...<br \/><div class=\"pt-cv-rmwrap\"><a href=\"https:\/\/www.dmsjuridica.com\/buscador_20179478954\/corteconstitucionalcronologico202454587\/t-319-97\/\" class=\"_self pt-cv-readmore btn btn-success\" target=\"_self\">Ver Sentencia Completa...<\/a><\/div><\/div><\/div><\/div>\n<div class=\"col-md-12 col-sm-12 col-xs-12 pt-cv-content-item pt-cv-1-col\" ><div class='pt-cv-ifield'><a href=\"https:\/\/www.dmsjuridica.com\/buscador_20179478954\/corteconstitucionalcronologico202454587\/t-318-97\/\" class=\"_self pt-cv-href-thumbnail pt-cv-thumb-default\" target=\"_self\" ><\/a>\n<div class=\"pt-cv-taxoterm above_title\"><a href='https:\/\/www.dmsjuridica.com\/buscador_20179478954\/corteconstitucionalcronologico202454587\/category\/buscar-en-toda-la-corte\/1997\/tutelas-1997\/' title='Tutelas 1997' class='pt-cv-tax-tutelas-1997'>Tutelas 1997<\/a><\/div>\n<h4 class=\"pt-cv-title\"><a href=\"https:\/\/www.dmsjuridica.com\/buscador_20179478954\/corteconstitucionalcronologico202454587\/t-318-97\/\" class=\"_self\" target=\"_self\" >T 318 97<\/a><\/h4>\n<div class=\"pt-cv-content\">T-318-97 Sentencia T-318\/97 DERECHO DE DEFENSA-No indicaci\u00f3n procedencia de recurso ante administraci\u00f3n\/DERECHO DE PETICION-Indebida notificaci\u00f3n respuesta de la administraci\u00f3n En el oficio no se indic\u00f3 si contra el mismo proced\u00eda alg\u00fan recurso y el t\u00e9rmino para su interposici\u00f3n, hecho que por si s\u00f3lo viol\u00f3 el derecho de defensa. Tampoco existe constancia de su notificaci\u00f3n. Por estas razones, no era v\u00e1lido que la entidad acusada denegara el recurso que interpuso el peticionario, aduciendo su extemporaneidad, porque no fue notificado en debida forma, y por tanto, no era dable, en principio, aducir que la decisi\u00f3n de la entidad acusada fue conocida por ...<br \/><div class=\"pt-cv-rmwrap\"><a href=\"https:\/\/www.dmsjuridica.com\/buscador_20179478954\/corteconstitucionalcronologico202454587\/t-318-97\/\" class=\"_self pt-cv-readmore btn btn-success\" target=\"_self\">Ver Sentencia Completa...<\/a><\/div><\/div><\/div><\/div>\n<div class=\"col-md-12 col-sm-12 col-xs-12 pt-cv-content-item pt-cv-1-col\" ><div class='pt-cv-ifield'><a href=\"https:\/\/www.dmsjuridica.com\/buscador_20179478954\/corteconstitucionalcronologico202454587\/t-317-97\/\" class=\"_self pt-cv-href-thumbnail pt-cv-thumb-default\" target=\"_self\" ><\/a>\n<div class=\"pt-cv-taxoterm above_title\"><a href='https:\/\/www.dmsjuridica.com\/buscador_20179478954\/corteconstitucionalcronologico202454587\/category\/buscar-en-toda-la-corte\/1997\/tutelas-1997\/' title='Tutelas 1997' class='pt-cv-tax-tutelas-1997'>Tutelas 1997<\/a><\/div>\n<h4 class=\"pt-cv-title\"><a href=\"https:\/\/www.dmsjuridica.com\/buscador_20179478954\/corteconstitucionalcronologico202454587\/t-317-97\/\" class=\"_self\" target=\"_self\" >T 317 97<\/a><\/h4>\n<div class=\"pt-cv-content\">T-317-97 {p} CENTRO PENITENCIARIO-R\u00e9gimen restrictivo Si en el seno de la sociedad libre es requisito de convivencia la adopci\u00f3n de medidas tendientes a limitar el ejercicio de ciertos derechos, resulta l\u00f3gico que esas limitaciones existan, en mayor proporci\u00f3n, en los centros penitenciarios, con relaci\u00f3n a algunos derechos de aquellas personas que por mandato judicial se encuentran privadas de la libertad. Ciertamente, siguiendo los criterios constitucionales y legales sobre la organizaci\u00f3n del Estado, debe entenderse que al sistema penitenciario y carcelario le corresponde el cumplimiento de las medidas de aseguramiento, de la ejecuci\u00f3n de las penas privativas de la libertad personal ...<br \/><div class=\"pt-cv-rmwrap\"><a href=\"https:\/\/www.dmsjuridica.com\/buscador_20179478954\/corteconstitucionalcronologico202454587\/t-317-97\/\" class=\"_self pt-cv-readmore btn btn-success\" target=\"_self\">Ver Sentencia Completa...<\/a><\/div><\/div><\/div><\/div>\n<div class=\"col-md-12 col-sm-12 col-xs-12 pt-cv-content-item pt-cv-1-col\" ><div class='pt-cv-ifield'><a href=\"https:\/\/www.dmsjuridica.com\/buscador_20179478954\/corteconstitucionalcronologico202454587\/t-316-97\/\" class=\"_self pt-cv-href-thumbnail pt-cv-thumb-default\" target=\"_self\" ><\/a>\n<div class=\"pt-cv-taxoterm above_title\"><a href='https:\/\/www.dmsjuridica.com\/buscador_20179478954\/corteconstitucionalcronologico202454587\/category\/buscar-en-toda-la-corte\/1997\/tutelas-1997\/' title='Tutelas 1997' class='pt-cv-tax-tutelas-1997'>Tutelas 1997<\/a><\/div>\n<h4 class=\"pt-cv-title\"><a href=\"https:\/\/www.dmsjuridica.com\/buscador_20179478954\/corteconstitucionalcronologico202454587\/t-316-97\/\" class=\"_self\" target=\"_self\" >T 316 97<\/a><\/h4>\n<div class=\"pt-cv-content\">T-316-97 Sentencia T-316\/97 COSA JUZGADA-No impugnaci\u00f3n ni revisi\u00f3n del fallo de tutela\/ACCION DE TUTELA-Improcedencia por decisi\u00f3n judicial anterior Las razones expuestas en providencia, y la correspondiente decisi\u00f3n judicial, no son objeto de pronunciamiento por parte de la Corte Constitucional, pues dicha sentencia se encuentra en firme, ya que no fue impugnada, ni fue escogida por esta Corporaci\u00f3n para su revisi\u00f3n. Es decir, se est\u00e1 frente a una decisi\u00f3n que es cosa juzgada. La tutela resulta improcedente por sustracci\u00f3n de materia, pues ya hubo una decisi\u00f3n judicial anterior. Referencia: Expediente T-111.854 Demandante: Mar\u00eda del Rosario As\u00eds Tordecilla Demandado: Colegio Nacional \"Jos\u00e9 ...<br \/><div class=\"pt-cv-rmwrap\"><a href=\"https:\/\/www.dmsjuridica.com\/buscador_20179478954\/corteconstitucionalcronologico202454587\/t-316-97\/\" class=\"_self pt-cv-readmore btn btn-success\" target=\"_self\">Ver Sentencia Completa...<\/a><\/div><\/div><\/div><\/div>\n<div class=\"col-md-12 col-sm-12 col-xs-12 pt-cv-content-item pt-cv-1-col\" ><div class='pt-cv-ifield'><a href=\"https:\/\/www.dmsjuridica.com\/buscador_20179478954\/corteconstitucionalcronologico202454587\/t-308-97\/\" class=\"_self pt-cv-href-thumbnail pt-cv-thumb-default\" target=\"_self\" ><\/a>\n<div class=\"pt-cv-taxoterm above_title\"><a href='https:\/\/www.dmsjuridica.com\/buscador_20179478954\/corteconstitucionalcronologico202454587\/category\/buscar-en-toda-la-corte\/1997\/tutelas-1997\/' title='Tutelas 1997' class='pt-cv-tax-tutelas-1997'>Tutelas 1997<\/a><\/div>\n<h4 class=\"pt-cv-title\"><a href=\"https:\/\/www.dmsjuridica.com\/buscador_20179478954\/corteconstitucionalcronologico202454587\/t-308-97\/\" class=\"_self\" target=\"_self\" >T 308 97<\/a><\/h4>\n<div class=\"pt-cv-content\">T-308-97 Sentencia T-308\/97 ACCION DE TUTELA-Improcedencia declaraci\u00f3n de responsabilidad m\u00e9dica\/DEFENSA JUDICIAL-Falla en la prestaci\u00f3n del servicio m\u00e9dico La declaraci\u00f3n de responsabilidad y, consecuentemente, la orden de una nueva intervenci\u00f3n quir\u00fargica, y el pago de una indemnizaci\u00f3n, son peticiones que escapan a la competencia propia del juez constitucional, quien no tiene entre sus funciones hacer declaraciones como las que solicita el actor, pues, para el efecto, existen procesos espec\u00edficos que tienen por objeto establecer si, en casos como el planteado, se present\u00f3 alguna negligencia por parte del cirujano y de la entidad a la que \u00e9ste presta sus servicios, de la ...<br \/><div class=\"pt-cv-rmwrap\"><a href=\"https:\/\/www.dmsjuridica.com\/buscador_20179478954\/corteconstitucionalcronologico202454587\/t-308-97\/\" class=\"_self pt-cv-readmore btn btn-success\" target=\"_self\">Ver Sentencia Completa...<\/a><\/div><\/div><\/div><\/div>\n<div class=\"col-md-12 col-sm-12 col-xs-12 pt-cv-content-item pt-cv-1-col\" ><div class='pt-cv-ifield'><a href=\"https:\/\/www.dmsjuridica.com\/buscador_20179478954\/corteconstitucionalcronologico202454587\/t-307-97\/\" class=\"_self pt-cv-href-thumbnail pt-cv-thumb-default\" target=\"_self\" ><\/a>\n<div class=\"pt-cv-taxoterm above_title\"><a href='https:\/\/www.dmsjuridica.com\/buscador_20179478954\/corteconstitucionalcronologico202454587\/category\/buscar-en-toda-la-corte\/1997\/tutelas-1997\/' title='Tutelas 1997' class='pt-cv-tax-tutelas-1997'>Tutelas 1997<\/a><\/div>\n<h4 class=\"pt-cv-title\"><a href=\"https:\/\/www.dmsjuridica.com\/buscador_20179478954\/corteconstitucionalcronologico202454587\/t-307-97\/\" class=\"_self\" target=\"_self\" >T 307 97<\/a><\/h4>\n<div class=\"pt-cv-content\">T-307-97 Sentencia T-307\/97 ACCION DE TUTELA CONTRA EMPRESA DE MEDICINA PREPAGADA-Procedencia En principio, como lo ha sostenido la Corte, las controversias originadas en la interpretaci\u00f3n, aplicaci\u00f3n y ejecuci\u00f3n de los contratos no pueden ser resueltas mediante tutela, salvo el caso del perjuicio irremediable, pues existen a las claras medios judiciales diversos de ella precisamente contemplados con dicho objeto. CONTRATO DE MEDICINA PREPAGADA-Comprometen derechos constitucionales fundamentales\/CONTRATO DE MEDICINA PREPAGADA-Procedencia excepcional de tutela Los contratos de medicina prepagada que tienen por objeto exclusivo la prestaci\u00f3n del servicio p\u00fablico de salud, no pueden ser tratados en todos sus aspectos bajo la misma \u00f3ptica ...<br \/><div class=\"pt-cv-rmwrap\"><a href=\"https:\/\/www.dmsjuridica.com\/buscador_20179478954\/corteconstitucionalcronologico202454587\/t-307-97\/\" class=\"_self pt-cv-readmore btn btn-success\" target=\"_self\">Ver Sentencia Completa...<\/a><\/div><\/div><\/div><\/div>\n<div class=\"col-md-12 col-sm-12 col-xs-12 pt-cv-content-item pt-cv-1-col\" ><div class='pt-cv-ifield'><a href=\"https:\/\/www.dmsjuridica.com\/buscador_20179478954\/corteconstitucionalcronologico202454587\/t-306-97\/\" class=\"_self pt-cv-href-thumbnail pt-cv-thumb-default\" target=\"_self\" ><\/a>\n<div class=\"pt-cv-taxoterm above_title\"><a href='https:\/\/www.dmsjuridica.com\/buscador_20179478954\/corteconstitucionalcronologico202454587\/category\/buscar-en-toda-la-corte\/1997\/tutelas-1997\/' title='Tutelas 1997' class='pt-cv-tax-tutelas-1997'>Tutelas 1997<\/a><\/div>\n<h4 class=\"pt-cv-title\"><a href=\"https:\/\/www.dmsjuridica.com\/buscador_20179478954\/corteconstitucionalcronologico202454587\/t-306-97\/\" class=\"_self\" target=\"_self\" >T 306 97<\/a><\/h4>\n<div class=\"pt-cv-content\">T-306-97 Sentencia T-306\/97 DERECHO A LA VIDA-Protecci\u00f3n por el Estado\/PARTIDA PRESUPUESTAL-Gastos imprevistos e impostergables\/DERECHO A LA VIDA-Construcci\u00f3n muro de contenci\u00f3n para evitar ca\u00edda de vivienda Lo que s\u00ed debe resaltarse en esta ocasi\u00f3n es que la obligaci\u00f3n estatal de proteger la vida de los asociados resulta ser tan imperativa e incondicional que las autoridades no pueden eludirla con el simple argumento de que una de las v\u00edas o procedimientos indicados dentro del ordenamiento jur\u00eddico para cumplirla presenta trabas o dificultades, llegando hasta la postergaci\u00f3n indefinida de las soluciones. Es verdad que la carencia de partida presupuestal suficiente para adelantar una ...<br \/><div class=\"pt-cv-rmwrap\"><a href=\"https:\/\/www.dmsjuridica.com\/buscador_20179478954\/corteconstitucionalcronologico202454587\/t-306-97\/\" class=\"_self pt-cv-readmore btn btn-success\" target=\"_self\">Ver Sentencia Completa...<\/a><\/div><\/div><\/div><\/div>\n<div class=\"col-md-12 col-sm-12 col-xs-12 pt-cv-content-item pt-cv-1-col\" ><div class='pt-cv-ifield'><a href=\"https:\/\/www.dmsjuridica.com\/buscador_20179478954\/corteconstitucionalcronologico202454587\/t-305-97\/\" class=\"_self pt-cv-href-thumbnail pt-cv-thumb-default\" target=\"_self\" ><\/a>\n<div class=\"pt-cv-taxoterm above_title\"><a href='https:\/\/www.dmsjuridica.com\/buscador_20179478954\/corteconstitucionalcronologico202454587\/category\/buscar-en-toda-la-corte\/1997\/tutelas-1997\/' title='Tutelas 1997' class='pt-cv-tax-tutelas-1997'>Tutelas 1997<\/a><\/div>\n<h4 class=\"pt-cv-title\"><a href=\"https:\/\/www.dmsjuridica.com\/buscador_20179478954\/corteconstitucionalcronologico202454587\/t-305-97\/\" class=\"_self\" target=\"_self\" >T 305 97<\/a><\/h4>\n<div class=\"pt-cv-content\">T-305-97 Sentencia T-305\/97 JUEZ DE TUTELA-Proferido el fallo pierde competencia para modificarlo, adicionarlo o revocarlo DERECHO DE PETICION DEL INTERNO-Aplicaci\u00f3n La pena privativa de la libertad impuesta a una persona de conformidad con la ley no implica, en el Derecho colombiano, la p\u00e9rdida del derecho fundamental de petici\u00f3n en cabeza del condenado, y, en consecuencia, \u00e9ste puede dirigir solicitudes respetuosas, en su propio inter\u00e9s o en inter\u00e9s colectivo, a las autoridades del respectivo establecimiento carcelario, a las del INPEC o a otras, y todas ellas tienen la obligaci\u00f3n correlativa de darles tr\u00e1mite y de responder al interno con la prontitud ...<br \/><div class=\"pt-cv-rmwrap\"><a href=\"https:\/\/www.dmsjuridica.com\/buscador_20179478954\/corteconstitucionalcronologico202454587\/t-305-97\/\" class=\"_self pt-cv-readmore btn btn-success\" target=\"_self\">Ver Sentencia Completa...<\/a><\/div><\/div><\/div><\/div>\n<div class=\"col-md-12 col-sm-12 col-xs-12 pt-cv-content-item pt-cv-1-col\" ><div class='pt-cv-ifield'><a href=\"https:\/\/www.dmsjuridica.com\/buscador_20179478954\/corteconstitucionalcronologico202454587\/t-304-97\/\" class=\"_self pt-cv-href-thumbnail pt-cv-thumb-default\" target=\"_self\" ><\/a>\n<div class=\"pt-cv-taxoterm above_title\"><a href='https:\/\/www.dmsjuridica.com\/buscador_20179478954\/corteconstitucionalcronologico202454587\/category\/buscar-en-toda-la-corte\/1997\/tutelas-1997\/' title='Tutelas 1997' class='pt-cv-tax-tutelas-1997'>Tutelas 1997<\/a><\/div>\n<h4 class=\"pt-cv-title\"><a href=\"https:\/\/www.dmsjuridica.com\/buscador_20179478954\/corteconstitucionalcronologico202454587\/t-304-97\/\" class=\"_self\" target=\"_self\" >T 304 97<\/a><\/h4>\n<div class=\"pt-cv-content\">T-304-97 Sentencia T-304\/97 DERECHO DE PETICION-N\u00facleo esencial El n\u00facleo esencial del derecho de petici\u00f3n comprende la respuesta pronta y oportuna a la reclamaci\u00f3n que se formula ante la respectiva autoridad, pues de nada servir\u00eda dirigirse a las autoridades si \u00e9stas no resuelven o se reservan el sentido de lo decidido. La respuesta, para que sea oportuna en los t\u00e9rminos previstos en las normas constitucionales y legales, tiene que comprender y resolver el fondo de lo pedido y ser comunicada al peticionario, ya que el derecho fundamental del que se trata comprende la posibilidad de conocer, transcurrido el t\u00e9rmino legal, la ...<br \/><div class=\"pt-cv-rmwrap\"><a href=\"https:\/\/www.dmsjuridica.com\/buscador_20179478954\/corteconstitucionalcronologico202454587\/t-304-97\/\" class=\"_self pt-cv-readmore btn btn-success\" target=\"_self\">Ver Sentencia Completa...<\/a><\/div><\/div><\/div><\/div>\n<div class=\"col-md-12 col-sm-12 col-xs-12 pt-cv-content-item pt-cv-1-col\" ><div class='pt-cv-ifield'><a href=\"https:\/\/www.dmsjuridica.com\/buscador_20179478954\/corteconstitucionalcronologico202454587\/t-303-97\/\" class=\"_self pt-cv-href-thumbnail pt-cv-thumb-default\" target=\"_self\" ><\/a>\n<div class=\"pt-cv-taxoterm above_title\"><a href='https:\/\/www.dmsjuridica.com\/buscador_20179478954\/corteconstitucionalcronologico202454587\/category\/buscar-en-toda-la-corte\/1997\/tutelas-1997\/' title='Tutelas 1997' class='pt-cv-tax-tutelas-1997'>Tutelas 1997<\/a><\/div>\n<h4 class=\"pt-cv-title\"><a href=\"https:\/\/www.dmsjuridica.com\/buscador_20179478954\/corteconstitucionalcronologico202454587\/t-303-97\/\" class=\"_self\" target=\"_self\" >T 303 97<\/a><\/h4>\n<div class=\"pt-cv-content\">T-303-97 Sentencia T-303\/97 ACCION DE TUTELA-Objeto\/ACCION DE TUTELA CONTRA ACTOS DE LA FUERZA PUBLICA-Procedencia por afectaci\u00f3n de derechos fundamentales La acci\u00f3n de tutela se estableci\u00f3 justamente con el objeto de lograr, por una v\u00eda expedita e informal, la protecci\u00f3n de las personas cuando, sin contar con un medio judicial ordinario id\u00f3neo para su defensa, sufren ataque o amenaza a sus derechos fundamentales, por raz\u00f3n de actos u omisiones de las autoridades p\u00fablicas o de particulares. Por supuesto, los integrantes de la Fuerza P\u00fablica y las jerarqu\u00edas castrenses, en raz\u00f3n del poder que ejercen y en cuanto se hallan en posibilidad ...<br \/><div class=\"pt-cv-rmwrap\"><a href=\"https:\/\/www.dmsjuridica.com\/buscador_20179478954\/corteconstitucionalcronologico202454587\/t-303-97\/\" class=\"_self pt-cv-readmore btn btn-success\" target=\"_self\">Ver Sentencia Completa...<\/a><\/div><\/div><\/div><\/div>\n<div class=\"col-md-12 col-sm-12 col-xs-12 pt-cv-content-item pt-cv-1-col\" ><div class='pt-cv-ifield'><a href=\"https:\/\/www.dmsjuridica.com\/buscador_20179478954\/corteconstitucionalcronologico202454587\/t-302-97\/\" class=\"_self pt-cv-href-thumbnail pt-cv-thumb-default\" target=\"_self\" ><\/a>\n<div class=\"pt-cv-taxoterm above_title\"><a href='https:\/\/www.dmsjuridica.com\/buscador_20179478954\/corteconstitucionalcronologico202454587\/category\/buscar-en-toda-la-corte\/1997\/tutelas-1997\/' title='Tutelas 1997' class='pt-cv-tax-tutelas-1997'>Tutelas 1997<\/a><\/div>\n<h4 class=\"pt-cv-title\"><a href=\"https:\/\/www.dmsjuridica.com\/buscador_20179478954\/corteconstitucionalcronologico202454587\/t-302-97\/\" class=\"_self\" target=\"_self\" >T 302 97<\/a><\/h4>\n<div class=\"pt-cv-content\">T-302-97 Sentencia T-302\/97 MEDIO DE DEFENSA JUDICIAL-Defectos de inmuebles para ser habitados La acci\u00f3n de tutela es improcedente para dirimir litigios relativos a los defectos o vicios que pueda presentar un inmueble, en relaci\u00f3n con su aptitud para ser habitado o utilizado, pues las diferencias entre comprador y vendedor al respecto encuentran soluci\u00f3n en las normas del Derecho Privado, procedimientos que ante la jurisdicci\u00f3n ordinaria se pueden intentar por quien se considere lesionado por causa o con ocasi\u00f3n del negocio jur\u00eddico celebrado. MEDIO DE DEFENSA JUDICIAL-Perjuicios por hechos ocurridos en predio vecino El orden jur\u00eddico contempla acciones encaminadas a obtener ...<br \/><div class=\"pt-cv-rmwrap\"><a href=\"https:\/\/www.dmsjuridica.com\/buscador_20179478954\/corteconstitucionalcronologico202454587\/t-302-97\/\" class=\"_self pt-cv-readmore btn btn-success\" target=\"_self\">Ver Sentencia Completa...<\/a><\/div><\/div><\/div><\/div>\n<div class=\"col-md-12 col-sm-12 col-xs-12 pt-cv-content-item pt-cv-1-col\" ><div class='pt-cv-ifield'><a href=\"https:\/\/www.dmsjuridica.com\/buscador_20179478954\/corteconstitucionalcronologico202454587\/t-301-97\/\" class=\"_self pt-cv-href-thumbnail pt-cv-thumb-default\" target=\"_self\" ><\/a>\n<div class=\"pt-cv-taxoterm above_title\"><a href='https:\/\/www.dmsjuridica.com\/buscador_20179478954\/corteconstitucionalcronologico202454587\/category\/buscar-en-toda-la-corte\/1997\/tutelas-1997\/' title='Tutelas 1997' class='pt-cv-tax-tutelas-1997'>Tutelas 1997<\/a><\/div>\n<h4 class=\"pt-cv-title\"><a href=\"https:\/\/www.dmsjuridica.com\/buscador_20179478954\/corteconstitucionalcronologico202454587\/t-301-97\/\" class=\"_self\" target=\"_self\" >T 301 97<\/a><\/h4>\n<div class=\"pt-cv-content\">T-301-97 Sentencia T-301\/97 ACCION DE TUTELA-Improcedencia general sobre controversias laborales Las pretensiones de car\u00e1cter laboral, cuando no se configuran las situaciones extremas que ameritan excepci\u00f3n, deben tener curso ordinario ante los tribunales, con arreglo a los procedimientos de esa misma naturaleza, lo cual implica, en t\u00e9rminos del art\u00edculo 86 de la Constituci\u00f3n, que la acci\u00f3n de tutela es entonces improcedente, a no ser que se establezca la inminencia de un perjuicio irremediable, en cuyo caso ser\u00eda aplicable la protecci\u00f3n transitoria a quienes lo afrontan. La sola y \u00fanica circunstancia de que uno o varios de los peticionarios pertenezca a la ...<br \/><div class=\"pt-cv-rmwrap\"><a href=\"https:\/\/www.dmsjuridica.com\/buscador_20179478954\/corteconstitucionalcronologico202454587\/t-301-97\/\" class=\"_self pt-cv-readmore btn btn-success\" target=\"_self\">Ver Sentencia Completa...<\/a><\/div><\/div><\/div><\/div>\n<div class=\"col-md-12 col-sm-12 col-xs-12 pt-cv-content-item pt-cv-1-col\" ><div class='pt-cv-ifield'><a href=\"https:\/\/www.dmsjuridica.com\/buscador_20179478954\/corteconstitucionalcronologico202454587\/t-300-97\/\" class=\"_self pt-cv-href-thumbnail pt-cv-thumb-default\" target=\"_self\" ><\/a>\n<div class=\"pt-cv-taxoterm above_title\"><a href='https:\/\/www.dmsjuridica.com\/buscador_20179478954\/corteconstitucionalcronologico202454587\/category\/buscar-en-toda-la-corte\/1997\/tutelas-1997\/' title='Tutelas 1997' class='pt-cv-tax-tutelas-1997'>Tutelas 1997<\/a><\/div>\n<h4 class=\"pt-cv-title\"><a href=\"https:\/\/www.dmsjuridica.com\/buscador_20179478954\/corteconstitucionalcronologico202454587\/t-300-97\/\" class=\"_self\" target=\"_self\" >T 300 97<\/a><\/h4>\n<div class=\"pt-cv-content\">T-300-97 Sentencia T-300\/97 ACCION DE TUTELA-Improcedencia por no ejercicio oportuno de mecanismo de defensa judicial\/PROCESO DE JURISDICCION COACTIVA-No utilizaci\u00f3n oportuna de mecanismos de defensa El municipio dej\u00f3 pasar todas las oportunidades procesales con que cont\u00f3 dentro del juicio de jurisdicci\u00f3n coactiva para impugnar el mandamiento de pago y las dem\u00e1s providencias proferidas. En realidad, el municipio se desentendi\u00f3 del proceso y por eso no hizo uso de los recursos a su disposici\u00f3n. Solamente despu\u00e9s de que el proceso coactivo estaba pr\u00e1cticamente concluido intent\u00f3 el municipio ejercer su defensa, recurriendo a la tutela. La acci\u00f3n de tutela no es apta para ...<br \/><div class=\"pt-cv-rmwrap\"><a href=\"https:\/\/www.dmsjuridica.com\/buscador_20179478954\/corteconstitucionalcronologico202454587\/t-300-97\/\" class=\"_self pt-cv-readmore btn btn-success\" target=\"_self\">Ver Sentencia Completa...<\/a><\/div><\/div><\/div><\/div>\n<div class=\"col-md-12 col-sm-12 col-xs-12 pt-cv-content-item pt-cv-1-col\" ><div class='pt-cv-ifield'><a href=\"https:\/\/www.dmsjuridica.com\/buscador_20179478954\/corteconstitucionalcronologico202454587\/t-299-97\/\" class=\"_self pt-cv-href-thumbnail pt-cv-thumb-default\" target=\"_self\" ><\/a>\n<div class=\"pt-cv-taxoterm above_title\"><a href='https:\/\/www.dmsjuridica.com\/buscador_20179478954\/corteconstitucionalcronologico202454587\/category\/buscar-en-toda-la-corte\/1997\/tutelas-1997\/' title='Tutelas 1997' class='pt-cv-tax-tutelas-1997'>Tutelas 1997<\/a><\/div>\n<h4 class=\"pt-cv-title\"><a href=\"https:\/\/www.dmsjuridica.com\/buscador_20179478954\/corteconstitucionalcronologico202454587\/t-299-97\/\" class=\"_self\" target=\"_self\" >T 299 97<\/a><\/h4>\n<div class=\"pt-cv-content\">T-299-97 DERECHO A LA SEGURIDAD SOCIAL DE PERSONA DE LA TERCERA EDAD-Fundamental por conexidad La Corte ha establecido que, si bien el derecho a la seguridad social no tiene, en principio, el car\u00e1cter de derecho fundamental, puede llegar a tenerlo cuando su vulneraci\u00f3n o amenaza pongan en peligro o afecten alg\u00fan derecho fundamental per se. DERECHO A LA SEGURIDAD SOCIAL DE PERSONA DE LA TERCERA EDAD\/ACCION DE TUTELA TRANSITORIA-Pago de mesadas pensionales y cotizaci\u00f3n en salud persona de tercera edad Esta Corporaci\u00f3n ha considerado que, en el caso de las personas de la tercera edad, el derecho a la seguridad ...<br \/><div class=\"pt-cv-rmwrap\"><a href=\"https:\/\/www.dmsjuridica.com\/buscador_20179478954\/corteconstitucionalcronologico202454587\/t-299-97\/\" class=\"_self pt-cv-readmore btn btn-success\" target=\"_self\">Ver Sentencia Completa...<\/a><\/div><\/div><\/div><\/div>\n<div class=\"col-md-12 col-sm-12 col-xs-12 pt-cv-content-item pt-cv-1-col\" ><div class='pt-cv-ifield'><a href=\"https:\/\/www.dmsjuridica.com\/buscador_20179478954\/corteconstitucionalcronologico202454587\/t-298-97\/\" class=\"_self pt-cv-href-thumbnail pt-cv-thumb-default\" target=\"_self\" ><\/a>\n<div class=\"pt-cv-taxoterm above_title\"><a href='https:\/\/www.dmsjuridica.com\/buscador_20179478954\/corteconstitucionalcronologico202454587\/category\/buscar-en-toda-la-corte\/1997\/tutelas-1997\/' title='Tutelas 1997' class='pt-cv-tax-tutelas-1997'>Tutelas 1997<\/a><\/div>\n<h4 class=\"pt-cv-title\"><a href=\"https:\/\/www.dmsjuridica.com\/buscador_20179478954\/corteconstitucionalcronologico202454587\/t-298-97\/\" class=\"_self\" target=\"_self\" >T 298 97<\/a><\/h4>\n<div class=\"pt-cv-content\">T-298-97 Sentencia T-298\/97 DERECHO DE PETICION-Improcedencia para poner en marcha aparato judicial El derecho de petici\u00f3n no es procedente para poner en marcha el aparato judicial o para solicitar a un servidor p\u00fablico que cumpla sus funciones jurisdiccionales. DERECHO DE PETICION-No comprende sentido de la decisi\u00f3n\/DERECHO DE ACCESO A LA ADMINISTRACION DE JUSTICIA-Abstenci\u00f3n tr\u00e1mite de solicitud procesal Cuando se trata de reaccionar ante una vulneraci\u00f3n del derecho de petici\u00f3n, el juez constitucional debe limitarse a constatar la omisi\u00f3n y a ordenar que se de una pronta respuesta, sin que le est\u00e9 conferida la facultad de se\u00f1alar el sentido de esta ...<br \/><div class=\"pt-cv-rmwrap\"><a href=\"https:\/\/www.dmsjuridica.com\/buscador_20179478954\/corteconstitucionalcronologico202454587\/t-298-97\/\" class=\"_self pt-cv-readmore btn btn-success\" target=\"_self\">Ver Sentencia Completa...<\/a><\/div><\/div><\/div><\/div>\n<div class=\"col-md-12 col-sm-12 col-xs-12 pt-cv-content-item pt-cv-1-col\" ><div class='pt-cv-ifield'><a href=\"https:\/\/www.dmsjuridica.com\/buscador_20179478954\/corteconstitucionalcronologico202454587\/t-297-97\/\" class=\"_self pt-cv-href-thumbnail pt-cv-thumb-default\" target=\"_self\" ><\/a>\n<div class=\"pt-cv-taxoterm above_title\"><a href='https:\/\/www.dmsjuridica.com\/buscador_20179478954\/corteconstitucionalcronologico202454587\/category\/buscar-en-toda-la-corte\/1997\/tutelas-1997\/' title='Tutelas 1997' class='pt-cv-tax-tutelas-1997'>Tutelas 1997<\/a><\/div>\n<h4 class=\"pt-cv-title\"><a href=\"https:\/\/www.dmsjuridica.com\/buscador_20179478954\/corteconstitucionalcronologico202454587\/t-297-97\/\" class=\"_self\" target=\"_self\" >T 297 97<\/a><\/h4>\n<div class=\"pt-cv-content\">T-297-97 Sentencia T-297\/97 ACCION DE TUTELA Y ACCION CONTENCIOSO ADMINISTRATIVA-Alcance de la compatibilidad\/ACCION DE TUTELA Y SUSPENSION PROVISIONAL DE ACTO ADMINISTRATIVO-Alcance de la compatibilidad La Corte en la sentencia SU-039\/97 analiz\u00f3 extensamente lo relativo a la compatibilidad entre la acci\u00f3n de tutela y la acci\u00f3n contenciosa administrativa contra actos administrativos, medio alternativo de defensa judicial y concluy\u00f3 que aun cuando exista un medio alternativo de defensa judicial la acci\u00f3n de tutela procede cuando se utilice como mecanismo transitorio para evitar un perjuicio irremediable, a\u00fan en el evento en que se hubiere presentado demanda ante la jurisdicci\u00f3n de lo contencioso administrativo ...<br \/><div class=\"pt-cv-rmwrap\"><a href=\"https:\/\/www.dmsjuridica.com\/buscador_20179478954\/corteconstitucionalcronologico202454587\/t-297-97\/\" class=\"_self pt-cv-readmore btn btn-success\" target=\"_self\">Ver Sentencia Completa...<\/a><\/div><\/div><\/div><\/div>\n<div class=\"col-md-12 col-sm-12 col-xs-12 pt-cv-content-item pt-cv-1-col\" ><div class='pt-cv-ifield'><a href=\"https:\/\/www.dmsjuridica.com\/buscador_20179478954\/corteconstitucionalcronologico202454587\/t-296-97\/\" class=\"_self pt-cv-href-thumbnail pt-cv-thumb-default\" target=\"_self\" ><\/a>\n<div class=\"pt-cv-taxoterm above_title\"><a href='https:\/\/www.dmsjuridica.com\/buscador_20179478954\/corteconstitucionalcronologico202454587\/category\/buscar-en-toda-la-corte\/1997\/tutelas-1997\/' title='Tutelas 1997' class='pt-cv-tax-tutelas-1997'>Tutelas 1997<\/a><\/div>\n<h4 class=\"pt-cv-title\"><a href=\"https:\/\/www.dmsjuridica.com\/buscador_20179478954\/corteconstitucionalcronologico202454587\/t-296-97\/\" class=\"_self\" target=\"_self\" >T 296 97<\/a><\/h4>\n<div class=\"pt-cv-content\">T-296-97 Sentencia T-296\/97 DERECHO DE PETICION-Car\u00e1cter excepcional de aplazamiento de respuesta No constituye respuesta y, por lo tanto, salvo el caso excepcional\u00edsimo -que debe hallarse justificado respecto de la petici\u00f3n individual de que se trate- previsto en la segunda parte del art\u00edculo 6 del C\u00f3digo Contencioso Administrativo, implica flagrante desconocimiento del derecho del peticionario aquella manifestaci\u00f3n verbal o escrita en el sentido de que se le resolver\u00e1 despu\u00e9s. El art\u00edculo 23 de la Carta Pol\u00edtica exige pronta respuesta. Por tanto, su aplicaci\u00f3n ha de ser excepcional, extraordinaria, alusiva exclusivamente a la imposibilidad de la administraci\u00f3n de contestar dentro del t\u00e9rmino ...<br \/><div class=\"pt-cv-rmwrap\"><a href=\"https:\/\/www.dmsjuridica.com\/buscador_20179478954\/corteconstitucionalcronologico202454587\/t-296-97\/\" class=\"_self pt-cv-readmore btn btn-success\" target=\"_self\">Ver Sentencia Completa...<\/a><\/div><\/div><\/div><\/div>\n<div class=\"col-md-12 col-sm-12 col-xs-12 pt-cv-content-item pt-cv-1-col\" ><div class='pt-cv-ifield'><a href=\"https:\/\/www.dmsjuridica.com\/buscador_20179478954\/corteconstitucionalcronologico202454587\/t-295-97\/\" class=\"_self pt-cv-href-thumbnail pt-cv-thumb-default\" target=\"_self\" ><\/a>\n<div class=\"pt-cv-taxoterm above_title\"><a href='https:\/\/www.dmsjuridica.com\/buscador_20179478954\/corteconstitucionalcronologico202454587\/category\/buscar-en-toda-la-corte\/1997\/tutelas-1997\/' title='Tutelas 1997' class='pt-cv-tax-tutelas-1997'>Tutelas 1997<\/a><\/div>\n<h4 class=\"pt-cv-title\"><a href=\"https:\/\/www.dmsjuridica.com\/buscador_20179478954\/corteconstitucionalcronologico202454587\/t-295-97\/\" class=\"_self\" target=\"_self\" >T 295 97<\/a><\/h4>\n<div class=\"pt-cv-content\">T-295-97 Sentencia T-295\/97 SISTEMA DE SEGURIDAD SOCIAL EN SALUD-Obligaci\u00f3n de empleador de afiliar trabajadores y pagar aportes\/SISTEMA DE SEGURIDAD SOCIAL EN SALUD-Empleador asume costos por incumplir deber de afiliaci\u00f3n La Ley 100 de 1993 consagra la obligaci\u00f3n de todos los empleadores, del sector p\u00fablico o privado, de pagar su respectivo aporte al Sistema General de Seguridad Social, y establece sanciones para quienes no cumplan con este deber. Ellos, en todo caso, est\u00e1n obligados a asumir en forma directa los costos de la atenci\u00f3n de salud que requieran sus trabajadores, si no los han incorporado al sistema institucional de protecci\u00f3n. Esta ...<br \/><div class=\"pt-cv-rmwrap\"><a href=\"https:\/\/www.dmsjuridica.com\/buscador_20179478954\/corteconstitucionalcronologico202454587\/t-295-97\/\" class=\"_self pt-cv-readmore btn btn-success\" target=\"_self\">Ver Sentencia Completa...<\/a><\/div><\/div><\/div><\/div>\n<div class=\"col-md-12 col-sm-12 col-xs-12 pt-cv-content-item pt-cv-1-col\" ><div class='pt-cv-ifield'><a href=\"https:\/\/www.dmsjuridica.com\/buscador_20179478954\/corteconstitucionalcronologico202454587\/t-294-97\/\" class=\"_self pt-cv-href-thumbnail pt-cv-thumb-default\" target=\"_self\" ><\/a>\n<div class=\"pt-cv-taxoterm above_title\"><a href='https:\/\/www.dmsjuridica.com\/buscador_20179478954\/corteconstitucionalcronologico202454587\/category\/buscar-en-toda-la-corte\/1997\/tutelas-1997\/' title='Tutelas 1997' class='pt-cv-tax-tutelas-1997'>Tutelas 1997<\/a><\/div>\n<h4 class=\"pt-cv-title\"><a href=\"https:\/\/www.dmsjuridica.com\/buscador_20179478954\/corteconstitucionalcronologico202454587\/t-294-97\/\" class=\"_self\" target=\"_self\" >T 294 97<\/a><\/h4>\n<div class=\"pt-cv-content\">T-294-97 DERECHO DE PETICION EN VIA GUBERNATIVA DERECHO DE PETICION EN VIA GUBERNATIVA-Aplicaci\u00f3n \/RECURSO DE REPOSICION EN VIA GUBERNATIVA-Resoluci\u00f3n oportuna El derecho constitucional a obtener una respuesta oportuna y concreta no s\u00f3lo tiene vigencia en cuanto ata\u00f1e a la solicitud original que dio lugar al tr\u00e1mite administrativo, sino que tambi\u00e9n es aplicable en la v\u00eda gubernativa, por ser \u00e9sta una expresi\u00f3n m\u00e1s de tal derecho. La v\u00eda gubernativa no es una gracia otorgada por la administraci\u00f3n al particular. Su utilizaci\u00f3n tiene el doble car\u00e1cter de derecho del administrado y de etapa que por regla general debe ser agotada en los ...<br \/><div class=\"pt-cv-rmwrap\"><a href=\"https:\/\/www.dmsjuridica.com\/buscador_20179478954\/corteconstitucionalcronologico202454587\/t-294-97\/\" class=\"_self pt-cv-readmore btn btn-success\" target=\"_self\">Ver Sentencia Completa...<\/a><\/div><\/div><\/div><\/div>\n<div class=\"col-md-12 col-sm-12 col-xs-12 pt-cv-content-item pt-cv-1-col\" ><div class='pt-cv-ifield'><a href=\"https:\/\/www.dmsjuridica.com\/buscador_20179478954\/corteconstitucionalcronologico202454587\/t-293-97\/\" class=\"_self pt-cv-href-thumbnail pt-cv-thumb-default\" target=\"_self\" ><\/a>\n<div class=\"pt-cv-taxoterm above_title\"><a href='https:\/\/www.dmsjuridica.com\/buscador_20179478954\/corteconstitucionalcronologico202454587\/category\/buscar-en-toda-la-corte\/1997\/tutelas-1997\/' title='Tutelas 1997' class='pt-cv-tax-tutelas-1997'>Tutelas 1997<\/a><\/div>\n<h4 class=\"pt-cv-title\"><a href=\"https:\/\/www.dmsjuridica.com\/buscador_20179478954\/corteconstitucionalcronologico202454587\/t-293-97\/\" class=\"_self\" target=\"_self\" >T 293 97<\/a><\/h4>\n<div class=\"pt-cv-content\">T-293-97 Sentencia T-293\/97 ACCION DE TUTELA-No sustituye sistema jur\u00eddico ordinario La acci\u00f3n de tutela es mecanismo subsidiario cuyo objeto espec\u00edfico es la protecci\u00f3n de los derechos fundamentales violados o amenazados por acci\u00f3n u omisi\u00f3n de una autoridad p\u00fablica o de una persona o entidad privada cuando la circunstancia encaja en lo previsto por la Carta, pero en modo alguno se constituye en v\u00eda adecuada para sustituir al sistema jur\u00eddico ordinario ni para reemplazar los procedimientos judiciales expresamente contemplados para solucionar determinadas situaciones o para desatar ciertas controversias. En tanto exista un medio judicial apto para la defensa efectiva de los ...<br \/><div class=\"pt-cv-rmwrap\"><a href=\"https:\/\/www.dmsjuridica.com\/buscador_20179478954\/corteconstitucionalcronologico202454587\/t-293-97\/\" class=\"_self pt-cv-readmore btn btn-success\" target=\"_self\">Ver Sentencia Completa...<\/a><\/div><\/div><\/div><\/div>\n<div class=\"col-md-12 col-sm-12 col-xs-12 pt-cv-content-item pt-cv-1-col\" ><div class='pt-cv-ifield'><a href=\"https:\/\/www.dmsjuridica.com\/buscador_20179478954\/corteconstitucionalcronologico202454587\/t-289-97\/\" class=\"_self pt-cv-href-thumbnail pt-cv-thumb-default\" target=\"_self\" ><\/a>\n<div class=\"pt-cv-taxoterm above_title\"><a href='https:\/\/www.dmsjuridica.com\/buscador_20179478954\/corteconstitucionalcronologico202454587\/category\/buscar-en-toda-la-corte\/1997\/tutelas-1997\/' title='Tutelas 1997' class='pt-cv-tax-tutelas-1997'>Tutelas 1997<\/a><\/div>\n<h4 class=\"pt-cv-title\"><a href=\"https:\/\/www.dmsjuridica.com\/buscador_20179478954\/corteconstitucionalcronologico202454587\/t-289-97\/\" class=\"_self\" target=\"_self\" >T 289 97<\/a><\/h4>\n<div class=\"pt-cv-content\">T-289-97 Sentencia T-289\/97 ACCION DE TUTELA-Procedencia\/ACCION DE TUTELA CONTRA PARTICULARES-Procedencia La acci\u00f3n de tutela fue concebida como mecanismo de defensa y protecci\u00f3n inmediata de los derechos fundamentales, \u00fanicamente cuando el afectado no dispone de otro medio de defensa judicial, salvo que, existiendo, se interponga como mecanismo transitorio para evitar un perjuicio irremediable, o que el examen particular que realice el juez de tutela verifique que la otra v\u00eda, en cuanto a su eficacia, no es la m\u00e1s adecuada para la protecci\u00f3n inmediata del derecho fundamental violado o amenazado. Es, por tanto, una acci\u00f3n residual o subsidiaria, que no est\u00e1 llamada ...<br \/><div class=\"pt-cv-rmwrap\"><a href=\"https:\/\/www.dmsjuridica.com\/buscador_20179478954\/corteconstitucionalcronologico202454587\/t-289-97\/\" class=\"_self pt-cv-readmore btn btn-success\" target=\"_self\">Ver Sentencia Completa...<\/a><\/div><\/div><\/div><\/div>\n<div class=\"col-md-12 col-sm-12 col-xs-12 pt-cv-content-item pt-cv-1-col\" ><div class='pt-cv-ifield'><a href=\"https:\/\/www.dmsjuridica.com\/buscador_20179478954\/corteconstitucionalcronologico202454587\/t-288-97\/\" class=\"_self pt-cv-href-thumbnail pt-cv-thumb-default\" target=\"_self\" ><\/a>\n<div class=\"pt-cv-taxoterm above_title\"><a href='https:\/\/www.dmsjuridica.com\/buscador_20179478954\/corteconstitucionalcronologico202454587\/category\/buscar-en-toda-la-corte\/1997\/tutelas-1997\/' title='Tutelas 1997' class='pt-cv-tax-tutelas-1997'>Tutelas 1997<\/a><\/div>\n<h4 class=\"pt-cv-title\"><a href=\"https:\/\/www.dmsjuridica.com\/buscador_20179478954\/corteconstitucionalcronologico202454587\/t-288-97\/\" class=\"_self\" target=\"_self\" >T 288 97<\/a><\/h4>\n<div class=\"pt-cv-content\">T-288-97 Sentencia T-288\/97 ACCION DE TUTELA-Car\u00e1cter informal\/JUEZ DE TUTELA-Oficiosidad La acci\u00f3n de tutela tiene un car\u00e1cter informal que, por su misma naturaleza, ri\u00f1e con toda exigencia sacramental que dificulte el sentido material de la protecci\u00f3n que la Constituci\u00f3n quiere brindar a las personas por conducto de los jueces. Ese mismo car\u00e1cter se refleja en un segundo principio, el de oficiosidad, que exige del juez de tutela, en ejercicio de su funci\u00f3n constitucional, un papel activo, no s\u00f3lo en la interpretaci\u00f3n de la solicitud de amparo -recu\u00e9rdese que la persona que ejerce la acci\u00f3n no requiere ser experta en Derecho ni ...<br \/><div class=\"pt-cv-rmwrap\"><a href=\"https:\/\/www.dmsjuridica.com\/buscador_20179478954\/corteconstitucionalcronologico202454587\/t-288-97\/\" class=\"_self pt-cv-readmore btn btn-success\" target=\"_self\">Ver Sentencia Completa...<\/a><\/div><\/div><\/div><\/div>\n<div class=\"col-md-12 col-sm-12 col-xs-12 pt-cv-content-item pt-cv-1-col\" ><div class='pt-cv-ifield'><a href=\"https:\/\/www.dmsjuridica.com\/buscador_20179478954\/corteconstitucionalcronologico202454587\/t-287-97\/\" class=\"_self pt-cv-href-thumbnail pt-cv-thumb-default\" target=\"_self\" ><\/a>\n<div class=\"pt-cv-taxoterm above_title\"><a href='https:\/\/www.dmsjuridica.com\/buscador_20179478954\/corteconstitucionalcronologico202454587\/category\/buscar-en-toda-la-corte\/1997\/tutelas-1997\/' title='Tutelas 1997' class='pt-cv-tax-tutelas-1997'>Tutelas 1997<\/a><\/div>\n<h4 class=\"pt-cv-title\"><a href=\"https:\/\/www.dmsjuridica.com\/buscador_20179478954\/corteconstitucionalcronologico202454587\/t-287-97\/\" class=\"_self\" target=\"_self\" >T 287 97<\/a><\/h4>\n<div class=\"pt-cv-content\">T-287-97 Sentencia T-287\/97 ACCION DE TUTELA-Improcedencia contra actos de car\u00e1cter general, impersonal y abstracto La acci\u00f3n de tutela no es mecanismo id\u00f3neo para atacar actos de car\u00e1cter general, impersonal y abstracto. CASETA DE PEAJE-Improcedencia de retiro para el caso Si fuera aceptable el ejercicio de la acci\u00f3n de tutela para obligar al Estado a retirar una caseta de peaje por el s\u00f3lo motivo de vivir o trabajar cerca de la misma, deber\u00eda entenderse que tal modalidad contributiva, o por lo menos la forma f\u00edsica de su cobro, ser\u00eda peligrosa para los derechos fundamentales de los vecinos, lo cual resulta contraevidente, ...<br \/><div class=\"pt-cv-rmwrap\"><a href=\"https:\/\/www.dmsjuridica.com\/buscador_20179478954\/corteconstitucionalcronologico202454587\/t-287-97\/\" class=\"_self pt-cv-readmore btn btn-success\" target=\"_self\">Ver Sentencia Completa...<\/a><\/div><\/div><\/div><\/div>\n<div class=\"col-md-12 col-sm-12 col-xs-12 pt-cv-content-item pt-cv-1-col\" ><div class='pt-cv-ifield'><a href=\"https:\/\/www.dmsjuridica.com\/buscador_20179478954\/corteconstitucionalcronologico202454587\/t-279-97\/\" class=\"_self pt-cv-href-thumbnail pt-cv-thumb-default\" target=\"_self\" ><\/a>\n<div class=\"pt-cv-taxoterm above_title\"><a href='https:\/\/www.dmsjuridica.com\/buscador_20179478954\/corteconstitucionalcronologico202454587\/category\/buscar-en-toda-la-corte\/1997\/tutelas-1997\/' title='Tutelas 1997' class='pt-cv-tax-tutelas-1997'>Tutelas 1997<\/a><\/div>\n<h4 class=\"pt-cv-title\"><a href=\"https:\/\/www.dmsjuridica.com\/buscador_20179478954\/corteconstitucionalcronologico202454587\/t-279-97\/\" class=\"_self\" target=\"_self\" >T 279 97<\/a><\/h4>\n<div class=\"pt-cv-content\">T-279-97 Sentencia T-279\/97 AUTORIDAD ADMINISTRATIVA-Funci\u00f3n judicial\/SUPERINTENDENCIA DE SOCIEDADES-Competencia para dirimir conflictos e impartir justicia\/SUPERINTENDENCIA DE SOCIEDADES-Conocimiento de procesos concordatarios Algunas autoridades administrativas, por disposici\u00f3n legal, son pues competentes para conocer y dirimir conflictos de orden jur\u00eddico, siendo sus decisiones susceptibles de recursos cuando precisamente lo haya determinado la ley. As\u00ed por ejemplo, tiene competencia para dirimir conflictos e impartir justicia la Superintendencia de Sociedades, al conocer de los procesos concordatarios. La Superintendencia de Sociedades act\u00faa, en estos casos, como un verdadero Juez y, por lo tanto, una vez admitido un concordato preventivo obligatorio puede analizar, cotejar y valorar la posibilidad ...<br \/><div class=\"pt-cv-rmwrap\"><a href=\"https:\/\/www.dmsjuridica.com\/buscador_20179478954\/corteconstitucionalcronologico202454587\/t-279-97\/\" class=\"_self pt-cv-readmore btn btn-success\" target=\"_self\">Ver Sentencia Completa...<\/a><\/div><\/div><\/div><\/div>\n<div class=\"col-md-12 col-sm-12 col-xs-12 pt-cv-content-item pt-cv-1-col\" ><div class='pt-cv-ifield'><a href=\"https:\/\/www.dmsjuridica.com\/buscador_20179478954\/corteconstitucionalcronologico202454587\/t-278-97\/\" class=\"_self pt-cv-href-thumbnail pt-cv-thumb-default\" target=\"_self\" ><\/a>\n<div class=\"pt-cv-taxoterm above_title\"><a href='https:\/\/www.dmsjuridica.com\/buscador_20179478954\/corteconstitucionalcronologico202454587\/category\/buscar-en-toda-la-corte\/1997\/tutelas-1997\/' title='Tutelas 1997' class='pt-cv-tax-tutelas-1997'>Tutelas 1997<\/a><\/div>\n<h4 class=\"pt-cv-title\"><a href=\"https:\/\/www.dmsjuridica.com\/buscador_20179478954\/corteconstitucionalcronologico202454587\/t-278-97\/\" class=\"_self\" target=\"_self\" >T 278 97<\/a><\/h4>\n<div class=\"pt-cv-content\">T-278-97 Sentencia T-278\/97 PENSION DE JUBILACION-Prestaci\u00f3n social b\u00e1sica Las pensiones no son un privilegio o premio que recibe el trabajador que ha dedicado parte de su vida al servicio de una persona natural o jur\u00eddica, p\u00fablica o privada, sino una prestaci\u00f3n social b\u00e1sica que opera como compensaci\u00f3n al esfuerzo diario de muchos a\u00f1os, para percibir la mesada que constituir\u00e1 su ingreso mensual. PENSION DE JUBILACION-Mesada constitutiva de m\u00ednimo vital b\u00e1sico La Corte Constitucional en varios fallos ha expresado que cuando no se paga a un jubilado la mesada pensional, constitutiva de su m\u00ednimo vital b\u00e1sico, se involucran derechos fundamentales, tales ...<br \/><div class=\"pt-cv-rmwrap\"><a href=\"https:\/\/www.dmsjuridica.com\/buscador_20179478954\/corteconstitucionalcronologico202454587\/t-278-97\/\" class=\"_self pt-cv-readmore btn btn-success\" target=\"_self\">Ver Sentencia Completa...<\/a><\/div><\/div><\/div><\/div>\n<div class=\"col-md-12 col-sm-12 col-xs-12 pt-cv-content-item pt-cv-1-col\" ><div class='pt-cv-ifield'><a href=\"https:\/\/www.dmsjuridica.com\/buscador_20179478954\/corteconstitucionalcronologico202454587\/t-277-97\/\" class=\"_self pt-cv-href-thumbnail pt-cv-thumb-default\" target=\"_self\" ><\/a>\n<div class=\"pt-cv-taxoterm above_title\"><a href='https:\/\/www.dmsjuridica.com\/buscador_20179478954\/corteconstitucionalcronologico202454587\/category\/buscar-en-toda-la-corte\/1997\/tutelas-1997\/' title='Tutelas 1997' class='pt-cv-tax-tutelas-1997'>Tutelas 1997<\/a><\/div>\n<h4 class=\"pt-cv-title\"><a href=\"https:\/\/www.dmsjuridica.com\/buscador_20179478954\/corteconstitucionalcronologico202454587\/t-277-97\/\" class=\"_self\" target=\"_self\" >T 277 97<\/a><\/h4>\n<div class=\"pt-cv-content\">T-277-97 Sentencia T-277\/97 LEGITIMACION PARA ACTUAR EN TUTELA El art\u00edculo 86 de la Constituci\u00f3n no exige que quien invoque la protecci\u00f3n judicial de derechos fundamentales afectados o en peligro por acci\u00f3n u omisi\u00f3n de autoridades p\u00fablicas o de particulares sea la misma persona que padece el da\u00f1o. El solicitante del amparo puede actuar a nombre de otro. Por su parte, el Decreto 2591 de 1991 se\u00f1ala que se pueden agenciar derechos ajenos \"cuando el titular de los mismos no est\u00e9 en condiciones de promover su propia defensa\", circunstancia que deber\u00e1 manifestarse en la solicitud. Tales previsiones tienen sentido por cuanto, ...<br \/><div class=\"pt-cv-rmwrap\"><a href=\"https:\/\/www.dmsjuridica.com\/buscador_20179478954\/corteconstitucionalcronologico202454587\/t-277-97\/\" class=\"_self pt-cv-readmore btn btn-success\" target=\"_self\">Ver Sentencia Completa...<\/a><\/div><\/div><\/div><\/div>\n<div class=\"col-md-12 col-sm-12 col-xs-12 pt-cv-content-item pt-cv-1-col\" ><div class='pt-cv-ifield'><a href=\"https:\/\/www.dmsjuridica.com\/buscador_20179478954\/corteconstitucionalcronologico202454587\/t-276-97\/\" class=\"_self pt-cv-href-thumbnail pt-cv-thumb-default\" target=\"_self\" ><\/a>\n<div class=\"pt-cv-taxoterm above_title\"><a href='https:\/\/www.dmsjuridica.com\/buscador_20179478954\/corteconstitucionalcronologico202454587\/category\/buscar-en-toda-la-corte\/1997\/tutelas-1997\/' title='Tutelas 1997' class='pt-cv-tax-tutelas-1997'>Tutelas 1997<\/a><\/div>\n<h4 class=\"pt-cv-title\"><a href=\"https:\/\/www.dmsjuridica.com\/buscador_20179478954\/corteconstitucionalcronologico202454587\/t-276-97\/\" class=\"_self\" target=\"_self\" >T 276 97<\/a><\/h4>\n<div class=\"pt-cv-content\">T-276-97 Sentencia T-276\/97 REGIMEN AUXILIO DE CESANTIA-Libertad de opci\u00f3n del trabajador\/ LIBERTAD DEL TRABAJADOR-Opci\u00f3n r\u00e9gimen de cesant\u00edas Si la ley otorga a sus destinatarios la posibilidad de optar entre diferentes reg\u00edmenes -lo cual es usual en per\u00edodos de transici\u00f3n cuando se introducen cambios radicales en la normatividad, especialmente si al amparo de la que estaba en vigor se han creado derechos o se han configurado situaciones jur\u00eddicas individuales y concretas no susceptibles de ser desconocidas por leyes posteriores-, no pueden las entidades p\u00fablicas ni los particulares llamados a aplicar sus preceptos forzar a aqu\u00e9llos con el objeto de que se ...<br \/><div class=\"pt-cv-rmwrap\"><a href=\"https:\/\/www.dmsjuridica.com\/buscador_20179478954\/corteconstitucionalcronologico202454587\/t-276-97\/\" class=\"_self pt-cv-readmore btn btn-success\" target=\"_self\">Ver Sentencia Completa...<\/a><\/div><\/div><\/div><\/div>\n<div class=\"col-md-12 col-sm-12 col-xs-12 pt-cv-content-item pt-cv-1-col\" ><div class='pt-cv-ifield'><a href=\"https:\/\/www.dmsjuridica.com\/buscador_20179478954\/corteconstitucionalcronologico202454587\/t-275-97\/\" class=\"_self pt-cv-href-thumbnail pt-cv-thumb-default\" target=\"_self\" ><\/a>\n<div class=\"pt-cv-taxoterm above_title\"><a href='https:\/\/www.dmsjuridica.com\/buscador_20179478954\/corteconstitucionalcronologico202454587\/category\/buscar-en-toda-la-corte\/1997\/tutelas-1997\/' title='Tutelas 1997' class='pt-cv-tax-tutelas-1997'>Tutelas 1997<\/a><\/div>\n<h4 class=\"pt-cv-title\"><a href=\"https:\/\/www.dmsjuridica.com\/buscador_20179478954\/corteconstitucionalcronologico202454587\/t-275-97\/\" class=\"_self\" target=\"_self\" >T 275 97<\/a><\/h4>\n<div class=\"pt-cv-content\">T-275-97 Sentencia T-275\/97 DERECHO DE PETICION-Pronta resoluci\u00f3n\/SILENCIO ADMINISTRATIVO NEGATIVO-Resoluci\u00f3n de solicitudes Referencia: Expediente T-122414 Acci\u00f3n de tutela contra la Caja de Previsi\u00f3n Social de Comunicaciones - CAPRECON, por la presunta violaci\u00f3n del derecho fundamental de petici\u00f3n. Temas: Actor: Luz Marina Ben\u00edtez Solano. Magistrado Ponente: Dr. CARLOS GAVIRIA D\u00cdAZ. Santaf\u00e9 de Bogot\u00e1 D.C., treinta (30) de mayo de mil novecientos noventa y siete (1997). La Sala Cuarta de Revisi\u00f3n de Tutelas de la Corte Constitucional compuesta por los Magistrados Jos\u00e9 Gregorio Hern\u00e1ndez Galindo, Hernando Herrera Vergara y Carlos Gaviria D\u00edaz, \u00e9ste \u00faltimo en calidad de ponente, EN NOMBRE DEL PUEBLO Y ...<br \/><div class=\"pt-cv-rmwrap\"><a href=\"https:\/\/www.dmsjuridica.com\/buscador_20179478954\/corteconstitucionalcronologico202454587\/t-275-97\/\" class=\"_self pt-cv-readmore btn btn-success\" target=\"_self\">Ver Sentencia Completa...<\/a><\/div><\/div><\/div><\/div>\n<div class=\"col-md-12 col-sm-12 col-xs-12 pt-cv-content-item pt-cv-1-col\" ><div class='pt-cv-ifield'><a href=\"https:\/\/www.dmsjuridica.com\/buscador_20179478954\/corteconstitucionalcronologico202454587\/t-274-97\/\" class=\"_self pt-cv-href-thumbnail pt-cv-thumb-default\" target=\"_self\" ><\/a>\n<div class=\"pt-cv-taxoterm above_title\"><a href='https:\/\/www.dmsjuridica.com\/buscador_20179478954\/corteconstitucionalcronologico202454587\/category\/buscar-en-toda-la-corte\/1997\/tutelas-1997\/' title='Tutelas 1997' class='pt-cv-tax-tutelas-1997'>Tutelas 1997<\/a><\/div>\n<h4 class=\"pt-cv-title\"><a href=\"https:\/\/www.dmsjuridica.com\/buscador_20179478954\/corteconstitucionalcronologico202454587\/t-274-97\/\" class=\"_self\" target=\"_self\" >T 274 97<\/a><\/h4>\n<div class=\"pt-cv-content\">T-274-97 Sentencia T-274\/97 SUSTITUCION PENSIONAL-Improcedencia de reconocimiento por tutela previamente negada Referencia: Expediente T-121686 Tema: No es la tutela el medio para lograr el reconocimiento de una pensi\u00f3n sustitutiva por invalidez, negada previamente por resoluci\u00f3n de la Caja Nacional. Acci\u00f3n de tutela instaurada por Ana de Jes\u00fas Acevedo Mart\u00ednez contra la Caja Nacional de Previsi\u00f3n. Magistrado Ponente: Dr. CARLOS GAVIRIA D\u00cdAZ Santafe de Bogot\u00e1 D.C, mayo treinta (30) de mil novecientos noventa y siete (1997). La Sala Cuarta de Revisi\u00f3n de Tutelas de la Corte Constitucional, integrada por los Magistrados Jos\u00e9 Gregorio Hern\u00e1ndez Galindo, Hernando Herrera Vergara y Carlos Gaviria ...<br \/><div class=\"pt-cv-rmwrap\"><a href=\"https:\/\/www.dmsjuridica.com\/buscador_20179478954\/corteconstitucionalcronologico202454587\/t-274-97\/\" class=\"_self pt-cv-readmore btn btn-success\" target=\"_self\">Ver Sentencia Completa...<\/a><\/div><\/div><\/div><\/div>\n<div class=\"col-md-12 col-sm-12 col-xs-12 pt-cv-content-item pt-cv-1-col\" ><div class='pt-cv-ifield'><a href=\"https:\/\/www.dmsjuridica.com\/buscador_20179478954\/corteconstitucionalcronologico202454587\/t-273-97\/\" class=\"_self pt-cv-href-thumbnail pt-cv-thumb-default\" target=\"_self\" ><\/a>\n<div class=\"pt-cv-taxoterm above_title\"><a href='https:\/\/www.dmsjuridica.com\/buscador_20179478954\/corteconstitucionalcronologico202454587\/category\/buscar-en-toda-la-corte\/1997\/tutelas-1997\/' title='Tutelas 1997' class='pt-cv-tax-tutelas-1997'>Tutelas 1997<\/a><\/div>\n<h4 class=\"pt-cv-title\"><a href=\"https:\/\/www.dmsjuridica.com\/buscador_20179478954\/corteconstitucionalcronologico202454587\/t-273-97\/\" class=\"_self\" target=\"_self\" >T 273 97<\/a><\/h4>\n<div class=\"pt-cv-content\">T-273-97 Sentencia T-273\/97 ACCION DE TUTELA-Procedencia excepcional pago de acreencias laborales Cuando con la violaci\u00f3n al derecho a un salario oportuno, se vulnera tambi\u00e9n en forma grave el derecho a la subsistencia, la acci\u00f3n de tutela no s\u00f3lo procede sino que, para hacer efectivos el derecho al trabajo, a la seguridad social y a la vida, el juez debe ordenar el pago inmediato de los salarios y prestaciones injustamente dejados de pagar. Si est\u00e1 de por medio la digna supervivencia de las personas, las condiciones que le permiten conservar su vida y la de su familia, cabe la tutela excepcionalmente, ...<br \/><div class=\"pt-cv-rmwrap\"><a href=\"https:\/\/www.dmsjuridica.com\/buscador_20179478954\/corteconstitucionalcronologico202454587\/t-273-97\/\" class=\"_self pt-cv-readmore btn btn-success\" target=\"_self\">Ver Sentencia Completa...<\/a><\/div><\/div><\/div><\/div>\n<div class=\"col-md-12 col-sm-12 col-xs-12 pt-cv-content-item pt-cv-1-col\" ><div class='pt-cv-ifield'><a href=\"https:\/\/www.dmsjuridica.com\/buscador_20179478954\/corteconstitucionalcronologico202454587\/t-272-97\/\" class=\"_self pt-cv-href-thumbnail pt-cv-thumb-default\" target=\"_self\" ><\/a>\n<div class=\"pt-cv-taxoterm above_title\"><a href='https:\/\/www.dmsjuridica.com\/buscador_20179478954\/corteconstitucionalcronologico202454587\/category\/buscar-en-toda-la-corte\/1997\/tutelas-1997\/' title='Tutelas 1997' class='pt-cv-tax-tutelas-1997'>Tutelas 1997<\/a><\/div>\n<h4 class=\"pt-cv-title\"><a href=\"https:\/\/www.dmsjuridica.com\/buscador_20179478954\/corteconstitucionalcronologico202454587\/t-272-97\/\" class=\"_self\" target=\"_self\" >T 272 97<\/a><\/h4>\n<div class=\"pt-cv-content\">T-272-97 Sentencia T-272\/97 ACCION DE TUTELA-Improcedencia para revivir t\u00e9rminos\/ACCION DE TUTELA-Improcedencia para reemplazar recursos no utilizados\/PRINCIPIO DE COSA JUZGADA Esta Corporaci\u00f3n ha se\u00f1alado que la acci\u00f3n de tutela como mecanismo subsidiario no puede entrar a ser sustituto ni herramienta procesal extraordinaria y adicional, dentro de los diferentes procesos judiciales, cuando dentro de estos, las oportunidades para interponer los recursos ya fenecieron, o porque dichos recursos no fueron utilizados en debida forma. Es necesario dejar en claro que, la acci\u00f3n de tutela no fue institu\u00edda tampoco, como tercera instancia o herramienta para modificar decisiones judiciales que hayan hecho tr\u00e1nsito a cosa ...<br \/><div class=\"pt-cv-rmwrap\"><a href=\"https:\/\/www.dmsjuridica.com\/buscador_20179478954\/corteconstitucionalcronologico202454587\/t-272-97\/\" class=\"_self pt-cv-readmore btn btn-success\" target=\"_self\">Ver Sentencia Completa...<\/a><\/div><\/div><\/div><\/div>\n<div class=\"col-md-12 col-sm-12 col-xs-12 pt-cv-content-item pt-cv-1-col\" ><div class='pt-cv-ifield'><a href=\"https:\/\/www.dmsjuridica.com\/buscador_20179478954\/corteconstitucionalcronologico202454587\/t-271-97\/\" class=\"_self pt-cv-href-thumbnail pt-cv-thumb-default\" target=\"_self\" ><\/a>\n<div class=\"pt-cv-taxoterm above_title\"><a href='https:\/\/www.dmsjuridica.com\/buscador_20179478954\/corteconstitucionalcronologico202454587\/category\/buscar-en-toda-la-corte\/1997\/tutelas-1997\/' title='Tutelas 1997' class='pt-cv-tax-tutelas-1997'>Tutelas 1997<\/a><\/div>\n<h4 class=\"pt-cv-title\"><a href=\"https:\/\/www.dmsjuridica.com\/buscador_20179478954\/corteconstitucionalcronologico202454587\/t-271-97\/\" class=\"_self\" target=\"_self\" >T 271 97<\/a><\/h4>\n<div class=\"pt-cv-content\">T-271-97 Sentencia T-271\/97 DERECHO AL PAGO OPORTUNO DEL SALARIO-Reconocimiento constitucional El derecho del trabajador a recibir oportunamente el pago del salario pactado, o establecido con arreglo a la ley, por el empleador particular u oficial, es reconocido como un derecho constitucional fundamental, basado en la necesidad de asegurar un orden social y econ\u00f3mico justo, bajo la \u00f3ptica de la conmutatividad en las relaciones de trabajo, y de garantizar los derechos al trabajo, en condiciones de dignidad y de justicia, y la subsistencia del trabajador y de su familia, entendida \u00e9sta ampliamente como la satisfacci\u00f3n de las necesidades materiales requeridas para ...<br \/><div class=\"pt-cv-rmwrap\"><a href=\"https:\/\/www.dmsjuridica.com\/buscador_20179478954\/corteconstitucionalcronologico202454587\/t-271-97\/\" class=\"_self pt-cv-readmore btn btn-success\" target=\"_self\">Ver Sentencia Completa...<\/a><\/div><\/div><\/div><\/div>\n<div class=\"col-md-12 col-sm-12 col-xs-12 pt-cv-content-item pt-cv-1-col\" ><div class='pt-cv-ifield'><a href=\"https:\/\/www.dmsjuridica.com\/buscador_20179478954\/corteconstitucionalcronologico202454587\/t-270-97\/\" class=\"_self pt-cv-href-thumbnail pt-cv-thumb-default\" target=\"_self\" ><\/a>\n<div class=\"pt-cv-taxoterm above_title\"><a href='https:\/\/www.dmsjuridica.com\/buscador_20179478954\/corteconstitucionalcronologico202454587\/category\/buscar-en-toda-la-corte\/1997\/tutelas-1997\/' title='Tutelas 1997' class='pt-cv-tax-tutelas-1997'>Tutelas 1997<\/a><\/div>\n<h4 class=\"pt-cv-title\"><a href=\"https:\/\/www.dmsjuridica.com\/buscador_20179478954\/corteconstitucionalcronologico202454587\/t-270-97\/\" class=\"_self\" target=\"_self\" >T 270 97<\/a><\/h4>\n<div class=\"pt-cv-content\">T-270-97 Sentencia T-270\/97 MUJER EMBARAZADA-Especial asistencia y Protecci\u00f3n especial del Estado La Corte Constitucional ha manifestado que la mujer embarazada y su hijo gozan de especial protecci\u00f3n del Estado, pues no s\u00f3lo el art\u00edculo 43 de la Constituci\u00f3n lo exige expresamente, sino los innumerables tratados y convenios internacionales que han sido ratificados por Colombia, los cuales de acuerdo con la Carta integran el bloque de constitucionalidad y por ello tienen fuerza vinculante tanto para las autoridades de la Rep\u00fablica como para los particulares. Por consiguiente, los derechos reconocidos constitucional y legalmente en favor de la mujer embarazada deben ser efectivos ...<br \/><div class=\"pt-cv-rmwrap\"><a href=\"https:\/\/www.dmsjuridica.com\/buscador_20179478954\/corteconstitucionalcronologico202454587\/t-270-97\/\" class=\"_self pt-cv-readmore btn btn-success\" target=\"_self\">Ver Sentencia Completa...<\/a><\/div><\/div><\/div><\/div>\n<div class=\"col-md-12 col-sm-12 col-xs-12 pt-cv-content-item pt-cv-1-col\" ><div class='pt-cv-ifield'><a href=\"https:\/\/www.dmsjuridica.com\/buscador_20179478954\/corteconstitucionalcronologico202454587\/t-269-97\/\" class=\"_self pt-cv-href-thumbnail pt-cv-thumb-default\" target=\"_self\" ><\/a>\n<div class=\"pt-cv-taxoterm above_title\"><a href='https:\/\/www.dmsjuridica.com\/buscador_20179478954\/corteconstitucionalcronologico202454587\/category\/buscar-en-toda-la-corte\/1997\/tutelas-1997\/' title='Tutelas 1997' class='pt-cv-tax-tutelas-1997'>Tutelas 1997<\/a><\/div>\n<h4 class=\"pt-cv-title\"><a href=\"https:\/\/www.dmsjuridica.com\/buscador_20179478954\/corteconstitucionalcronologico202454587\/t-269-97\/\" class=\"_self\" target=\"_self\" >T 269 97<\/a><\/h4>\n<div class=\"pt-cv-content\">T-269-97 Sentencia T-269\/97 SUSPENSION DE ALCALDE-Procedimiento para reemplazarlo De conformidad con lo dispuesto en la ley 136, y teniendo en cuenta el concepto del Consejo Nacional Electoral, que aunque no es de obligatorio acatamiento, s\u00ed tiene importantes opiniones sobre el asunto, se puede concluir que, en principio, el procedimiento para este caso es el siguiente: cada vez que se produce la vacancia o suspensi\u00f3n de quien se desempe\u00f1a como alcalde, es preciso que se conforme nuevamente la correspondiente terna. SUSPENSION DE ALCALDE-Inter\u00e9s para exigir cumplimiento procedimiento de reemplazo\/LEGITIMACION POR ACTIVA EN TUTELA-Alcaldesa suspendida\/DERECHO DE PARTICIPACION POLITICA-Interposici\u00f3n de tutela por alcaldesa ...<br \/><div class=\"pt-cv-rmwrap\"><a href=\"https:\/\/www.dmsjuridica.com\/buscador_20179478954\/corteconstitucionalcronologico202454587\/t-269-97\/\" class=\"_self pt-cv-readmore btn btn-success\" target=\"_self\">Ver Sentencia Completa...<\/a><\/div><\/div><\/div><\/div>\n<div class=\"col-md-12 col-sm-12 col-xs-12 pt-cv-content-item pt-cv-1-col\" ><div class='pt-cv-ifield'><a href=\"https:\/\/www.dmsjuridica.com\/buscador_20179478954\/corteconstitucionalcronologico202454587\/t-268-97\/\" class=\"_self pt-cv-href-thumbnail pt-cv-thumb-default\" target=\"_self\" ><\/a>\n<div class=\"pt-cv-taxoterm above_title\"><a href='https:\/\/www.dmsjuridica.com\/buscador_20179478954\/corteconstitucionalcronologico202454587\/category\/buscar-en-toda-la-corte\/1997\/tutelas-1997\/' title='Tutelas 1997' class='pt-cv-tax-tutelas-1997'>Tutelas 1997<\/a><\/div>\n<h4 class=\"pt-cv-title\"><a href=\"https:\/\/www.dmsjuridica.com\/buscador_20179478954\/corteconstitucionalcronologico202454587\/t-268-97\/\" class=\"_self\" target=\"_self\" >T 268 97<\/a><\/h4>\n<div class=\"pt-cv-content\">T-268-97 Sentencia T-268\/97 SANCION CORRECCIONAL DE PRIVACION DE LIBERTAD-Memorial irrespetuoso dirigido al juez COSA JUZGADA CONSTITUCIONAL-Fallos de Corte Constitucional Acci\u00f3n de tutela contra la Jueza Doce Penal del Circuito de Santaf\u00e9 de Bogot\u00e1 por una presunta violaci\u00f3n del derecho al debido proceso. Tema: Improcedencia de la tutela contra providencias judiciales cuando quien las profiere no incurri\u00f3 en una v\u00eda de hecho. Actor : Luis Alberto Suarez Alonso Magistrado Ponente : Dr. CARLOS GAVIRIA D\u00cdAZ Santaf\u00e9 de Bogot\u00e1 D.C., veintinueve (29) de mayo de mil novecientos noventa y siete (1997). La Sala Cuarta de Revisi\u00f3n de Tutelas de la Corte Constitucional, ...<br \/><div class=\"pt-cv-rmwrap\"><a href=\"https:\/\/www.dmsjuridica.com\/buscador_20179478954\/corteconstitucionalcronologico202454587\/t-268-97\/\" class=\"_self pt-cv-readmore btn btn-success\" target=\"_self\">Ver Sentencia Completa...<\/a><\/div><\/div><\/div><\/div>\n<div class=\"col-md-12 col-sm-12 col-xs-12 pt-cv-content-item pt-cv-1-col\" ><div class='pt-cv-ifield'><a href=\"https:\/\/www.dmsjuridica.com\/buscador_20179478954\/corteconstitucionalcronologico202454587\/t-267-97\/\" class=\"_self pt-cv-href-thumbnail pt-cv-thumb-default\" target=\"_self\" ><\/a>\n<div class=\"pt-cv-taxoterm above_title\"><a href='https:\/\/www.dmsjuridica.com\/buscador_20179478954\/corteconstitucionalcronologico202454587\/category\/buscar-en-toda-la-corte\/1997\/tutelas-1997\/' title='Tutelas 1997' class='pt-cv-tax-tutelas-1997'>Tutelas 1997<\/a><\/div>\n<h4 class=\"pt-cv-title\"><a href=\"https:\/\/www.dmsjuridica.com\/buscador_20179478954\/corteconstitucionalcronologico202454587\/t-267-97\/\" class=\"_self\" target=\"_self\" >T 267 97<\/a><\/h4>\n<div class=\"pt-cv-content\">T-267-97 Sentencia T-267\/97 ACCION DE TUTELA-Improcedencia defensa de intereses difusos\/ACCION DE TUTELA-Seguridad de personas usuarias del transporte El inter\u00e9s difuso en la seguridad personal de los usuarios del transporte terrestre, se encuentra protegido jur\u00eddicamente bajo la forma del derecho colectivo a la seguridad de todas las personas residentes en el territorio nacional, cuya efectividad debe reclamarse de las autoridades de polic\u00eda, encargadas por el ordenamiento de velar por la seguridad, tranquilidad y salubridad de los asociados. La presunta afectaci\u00f3n del inter\u00e9s colectivo, no va acompa\u00f1ada de una vulneraci\u00f3n o amenaza grave para los derechos fundamentales del actor, por lo que ...<br \/><div class=\"pt-cv-rmwrap\"><a href=\"https:\/\/www.dmsjuridica.com\/buscador_20179478954\/corteconstitucionalcronologico202454587\/t-267-97\/\" class=\"_self pt-cv-readmore btn btn-success\" target=\"_self\">Ver Sentencia Completa...<\/a><\/div><\/div><\/div><\/div>\n<div class=\"col-md-12 col-sm-12 col-xs-12 pt-cv-content-item pt-cv-1-col\" ><div class='pt-cv-ifield'><a href=\"https:\/\/www.dmsjuridica.com\/buscador_20179478954\/corteconstitucionalcronologico202454587\/t-266-97\/\" class=\"_self pt-cv-href-thumbnail pt-cv-thumb-default\" target=\"_self\" ><\/a>\n<div class=\"pt-cv-taxoterm above_title\"><a href='https:\/\/www.dmsjuridica.com\/buscador_20179478954\/corteconstitucionalcronologico202454587\/category\/buscar-en-toda-la-corte\/1997\/tutelas-1997\/' title='Tutelas 1997' class='pt-cv-tax-tutelas-1997'>Tutelas 1997<\/a><\/div>\n<h4 class=\"pt-cv-title\"><a href=\"https:\/\/www.dmsjuridica.com\/buscador_20179478954\/corteconstitucionalcronologico202454587\/t-266-97\/\" class=\"_self\" target=\"_self\" >T 266 97<\/a><\/h4>\n<div class=\"pt-cv-content\">T-266-97 Sentencia T-266\/97 SUSTITUCION PENSIONAL-Beneficiarios SUSTITUCION PENSIONAL-Protecci\u00f3n integral a todas las familias SUSTITUCION PENSIONAL-Reinicio de actuaci\u00f3n administrativa Referencia: Expediente T-121438 Acci\u00f3n de tutela contra el Instituto de los Seguros Sociales (ISS), por una presunta violaci\u00f3n de los derechos a la seguridad social, a la igualdad y a la protecci\u00f3n especial de la familia. Temas: Relevancia constitucional del conflicto entre las partes de este proceso. Alcance del derecho a la igualdad y de la protecci\u00f3n especial que se debe garantizar a la familia en la sustituci\u00f3n pensional. Contenido de la orden que debe proferir el juez de tutela e improcedencia de ...<br \/><div class=\"pt-cv-rmwrap\"><a href=\"https:\/\/www.dmsjuridica.com\/buscador_20179478954\/corteconstitucionalcronologico202454587\/t-266-97\/\" class=\"_self pt-cv-readmore btn btn-success\" target=\"_self\">Ver Sentencia Completa...<\/a><\/div><\/div><\/div><\/div>\n<div class=\"col-md-12 col-sm-12 col-xs-12 pt-cv-content-item pt-cv-1-col\" ><div class='pt-cv-ifield'><a href=\"https:\/\/www.dmsjuridica.com\/buscador_20179478954\/corteconstitucionalcronologico202454587\/t-265-97\/\" class=\"_self pt-cv-href-thumbnail pt-cv-thumb-default\" target=\"_self\" ><\/a>\n<div class=\"pt-cv-taxoterm above_title\"><a href='https:\/\/www.dmsjuridica.com\/buscador_20179478954\/corteconstitucionalcronologico202454587\/category\/buscar-en-toda-la-corte\/1997\/tutelas-1997\/' title='Tutelas 1997' class='pt-cv-tax-tutelas-1997'>Tutelas 1997<\/a><\/div>\n<h4 class=\"pt-cv-title\"><a href=\"https:\/\/www.dmsjuridica.com\/buscador_20179478954\/corteconstitucionalcronologico202454587\/t-265-97\/\" class=\"_self\" target=\"_self\" >T 265 97<\/a><\/h4>\n<div class=\"pt-cv-content\">T-265-97 Sentencia T-265\/97 DISCAPACITADO-Protecci\u00f3n constitucional especial La Carta consagra derechos fundamentales y derechos prestacionales en favor de las personas disminuidas f\u00edsica, sensorial o ps\u00edquicamente. La igualdad de oportunidades y el trato m\u00e1s favorable son derechos fundamentales, de aplicaci\u00f3n inmediata, reconocidos a los grupos discriminados o marginados y a las personas que por su condici\u00f3n econ\u00f3mica, f\u00edsica o mental se encuentran en circunstancias de debilidad manifiesta. De otra parte, los discapacitados gozan de un derecho constitucional, de car\u00e1cter program\u00e1tico, que se deduce de la obligaci\u00f3n estatal de adoptar una pol\u00edtica de previsi\u00f3n, rehabilitaci\u00f3n e integraci\u00f3n social. INDEFENSION-Alcance El concepto de indefensi\u00f3n ...<br \/><div class=\"pt-cv-rmwrap\"><a href=\"https:\/\/www.dmsjuridica.com\/buscador_20179478954\/corteconstitucionalcronologico202454587\/t-265-97\/\" class=\"_self pt-cv-readmore btn btn-success\" target=\"_self\">Ver Sentencia Completa...<\/a><\/div><\/div><\/div><\/div>\n<div class=\"col-md-12 col-sm-12 col-xs-12 pt-cv-content-item pt-cv-1-col\" ><div class='pt-cv-ifield'><a href=\"https:\/\/www.dmsjuridica.com\/buscador_20179478954\/corteconstitucionalcronologico202454587\/t-264-97\/\" class=\"_self pt-cv-href-thumbnail pt-cv-thumb-default\" target=\"_self\" ><\/a>\n<div class=\"pt-cv-taxoterm above_title\"><a href='https:\/\/www.dmsjuridica.com\/buscador_20179478954\/corteconstitucionalcronologico202454587\/category\/buscar-en-toda-la-corte\/1997\/tutelas-1997\/' title='Tutelas 1997' class='pt-cv-tax-tutelas-1997'>Tutelas 1997<\/a><\/div>\n<h4 class=\"pt-cv-title\"><a href=\"https:\/\/www.dmsjuridica.com\/buscador_20179478954\/corteconstitucionalcronologico202454587\/t-264-97\/\" class=\"_self\" target=\"_self\" >T 264 97<\/a><\/h4>\n<div class=\"pt-cv-content\">T-264-97 Sentencia T-264\/97 ACCION DE TUTELA-Hecho superado Referencia: Expediente T-125.398 Peticionarios: Carlos Alfredo Cort\u00e9s Moreno contra INRAVISION, CARACOL TELEVISION, PREGO TELEVISION y el programa SEPTIMO DIA. Magistrado Ponente: Dr. HERNANDO HERRERA VERGARA Santa Fe de Bogot\u00e1, D.C., mayo veintiocho (28) de mil novecientos noventa y siete (1997) En cumplimiento de lo dispuesto por el art\u00edculo 241 numeral 9o. de la Constituci\u00f3n Pol\u00edtica, en concordancia con los art\u00edculos 33 y 36 del Decreto 2591 de 1991, la Sala Penal del Tribunal Superior de Bogot\u00e1, envi\u00f3 a la Corte Constitucional el expediente contentivo de la acci\u00f3n de tutela de la referencia, para ...<br \/><div class=\"pt-cv-rmwrap\"><a href=\"https:\/\/www.dmsjuridica.com\/buscador_20179478954\/corteconstitucionalcronologico202454587\/t-264-97\/\" class=\"_self pt-cv-readmore btn btn-success\" target=\"_self\">Ver Sentencia Completa...<\/a><\/div><\/div><\/div><\/div>\n<div class=\"col-md-12 col-sm-12 col-xs-12 pt-cv-content-item pt-cv-1-col\" ><div class='pt-cv-ifield'><a href=\"https:\/\/www.dmsjuridica.com\/buscador_20179478954\/corteconstitucionalcronologico202454587\/t-263-97\/\" class=\"_self pt-cv-href-thumbnail pt-cv-thumb-default\" target=\"_self\" ><\/a>\n<div class=\"pt-cv-taxoterm above_title\"><a href='https:\/\/www.dmsjuridica.com\/buscador_20179478954\/corteconstitucionalcronologico202454587\/category\/buscar-en-toda-la-corte\/1997\/tutelas-1997\/' title='Tutelas 1997' class='pt-cv-tax-tutelas-1997'>Tutelas 1997<\/a><\/div>\n<h4 class=\"pt-cv-title\"><a href=\"https:\/\/www.dmsjuridica.com\/buscador_20179478954\/corteconstitucionalcronologico202454587\/t-263-97\/\" class=\"_self\" target=\"_self\" >T 263 97<\/a><\/h4>\n<div class=\"pt-cv-content\">T-263-97 Sentencia T-263\/97 ESTABLECIMIENTO CARCELARIO-Bonificaci\u00f3n por trabajo y servicio interno\/INTERNO-Pago oportuno de salarios Como consecuencia del no pago del salario en forma oportuna, como retribuci\u00f3n a la labor realizada, se vulnera en forma grave el derecho a la subsistencia, raz\u00f3n por la cual la acci\u00f3n de tutela procede excepcionalmente para hacer efectivos el derecho al trabajo, a la seguridad social, a la dignidad, subsistencia y a la vida, en aquellos casos en que se afecta el m\u00ednimo vital. Teniendo en cuenta que al actor se le adeuda el pago de tres meses del a\u00f1o anterior por labores ejecutadas en el ...<br \/><div class=\"pt-cv-rmwrap\"><a href=\"https:\/\/www.dmsjuridica.com\/buscador_20179478954\/corteconstitucionalcronologico202454587\/t-263-97\/\" class=\"_self pt-cv-readmore btn btn-success\" target=\"_self\">Ver Sentencia Completa...<\/a><\/div><\/div><\/div><\/div>\n<div class=\"col-md-12 col-sm-12 col-xs-12 pt-cv-content-item pt-cv-1-col\" ><div class='pt-cv-ifield'><a href=\"https:\/\/www.dmsjuridica.com\/buscador_20179478954\/corteconstitucionalcronologico202454587\/t-262-97\/\" class=\"_self pt-cv-href-thumbnail pt-cv-thumb-default\" target=\"_self\" ><\/a>\n<div class=\"pt-cv-taxoterm above_title\"><a href='https:\/\/www.dmsjuridica.com\/buscador_20179478954\/corteconstitucionalcronologico202454587\/category\/buscar-en-toda-la-corte\/1997\/tutelas-1997\/' title='Tutelas 1997' class='pt-cv-tax-tutelas-1997'>Tutelas 1997<\/a><\/div>\n<h4 class=\"pt-cv-title\"><a href=\"https:\/\/www.dmsjuridica.com\/buscador_20179478954\/corteconstitucionalcronologico202454587\/t-262-97\/\" class=\"_self\" target=\"_self\" >T 262 97<\/a><\/h4>\n<div class=\"pt-cv-content\">T-262-97 Sentencia T-262\/97 CUMPLIMIENTO DE PROVIDENCIAS JUDICIALES-Desobediencia por entidades bancarias Se ha presentado en el caso materia de examen una abierta desobediencia, por parte de las entidades bancarias obligadas, a lo dispuesto por el juez. El Estado de Derecho no puede operar si las providencias judiciales no son acatadas, o si lo son seg\u00fan el \u00e1nimo y la voluntad de sus destinatarios. Estos, a juicio de la Corte, no pueden tener la potestad de resolver si se acogen o no a los mandatos del juez que conduce determinado proceso, independientemente de las razones que puedan esgrimir en contra, pues el ...<br \/><div class=\"pt-cv-rmwrap\"><a href=\"https:\/\/www.dmsjuridica.com\/buscador_20179478954\/corteconstitucionalcronologico202454587\/t-262-97\/\" class=\"_self pt-cv-readmore btn btn-success\" target=\"_self\">Ver Sentencia Completa...<\/a><\/div><\/div><\/div><\/div>\n<div class=\"col-md-12 col-sm-12 col-xs-12 pt-cv-content-item pt-cv-1-col\" ><div class='pt-cv-ifield'><a href=\"https:\/\/www.dmsjuridica.com\/buscador_20179478954\/corteconstitucionalcronologico202454587\/t-261-97\/\" class=\"_self pt-cv-href-thumbnail pt-cv-thumb-default\" target=\"_self\" ><\/a>\n<div class=\"pt-cv-taxoterm above_title\"><a href='https:\/\/www.dmsjuridica.com\/buscador_20179478954\/corteconstitucionalcronologico202454587\/category\/buscar-en-toda-la-corte\/1997\/tutelas-1997\/' title='Tutelas 1997' class='pt-cv-tax-tutelas-1997'>Tutelas 1997<\/a><\/div>\n<h4 class=\"pt-cv-title\"><a href=\"https:\/\/www.dmsjuridica.com\/buscador_20179478954\/corteconstitucionalcronologico202454587\/t-261-97\/\" class=\"_self\" target=\"_self\" >T 261 97<\/a><\/h4>\n<div class=\"pt-cv-content\">T-261-97 ACCION DE TUTELA-Improcedencia general pago de salarios La jurisprudencia de la Corte Constitucional ha sido cuidadosa en lo que tiene ver con la procedencia de la tutela frente a las acreencias laborales y ha respetado los cauces procesales ordinarios, para lograr la protecci\u00f3n de los derechos que dimanan de la relaci\u00f3n laboral. No apreci\u00e1ndose violaci\u00f3n al m\u00ednimo vital de las actoras, ni advirti\u00e9ndose vulneraci\u00f3n al derecho a la salud, por no estar acreditado el incumplimiento de la EPS ni los descuentos en los salarios de las docentes, la tutela de los derechos invocados como vulnerados no es procedente. Referencia: ...<br \/><div class=\"pt-cv-rmwrap\"><a href=\"https:\/\/www.dmsjuridica.com\/buscador_20179478954\/corteconstitucionalcronologico202454587\/t-261-97\/\" class=\"_self pt-cv-readmore btn btn-success\" target=\"_self\">Ver Sentencia Completa...<\/a><\/div><\/div><\/div><\/div>\n<div class=\"col-md-12 col-sm-12 col-xs-12 pt-cv-content-item pt-cv-1-col\" ><div class='pt-cv-ifield'><a href=\"https:\/\/www.dmsjuridica.com\/buscador_20179478954\/corteconstitucionalcronologico202454587\/t-260-97\/\" class=\"_self pt-cv-href-thumbnail pt-cv-thumb-default\" target=\"_self\" ><\/a>\n<div class=\"pt-cv-taxoterm above_title\"><a href='https:\/\/www.dmsjuridica.com\/buscador_20179478954\/corteconstitucionalcronologico202454587\/category\/buscar-en-toda-la-corte\/1997\/tutelas-1997\/' title='Tutelas 1997' class='pt-cv-tax-tutelas-1997'>Tutelas 1997<\/a><\/div>\n<h4 class=\"pt-cv-title\"><a href=\"https:\/\/www.dmsjuridica.com\/buscador_20179478954\/corteconstitucionalcronologico202454587\/t-260-97\/\" class=\"_self\" target=\"_self\" >T 260 97<\/a><\/h4>\n<div class=\"pt-cv-content\">T-260-97 Sentencia T-260\/97 DERECHO DE PETICION-N\u00facleo esencial El n\u00facleo esencial del derecho de petici\u00f3n radica en la resoluci\u00f3n pronta y oportuna con respecto a la reclamaci\u00f3n elevada a la consideraci\u00f3n de la respectiva autoridad, pues de nada servir\u00eda dirigirse a una autoridad en particular con la esperanza de una respuesta pronta y eficaz, si \u00e9sta no resuelve a tiempo o se reserva el sentido de lo decidido. As\u00ed, para que la respuesta sea oportuna en los t\u00e9rminos previstos en las normas constitucionales y legales, tiene que comprender y resolver el fondo de lo pedido y ser comunicada al peticionario, pues ...<br \/><div class=\"pt-cv-rmwrap\"><a href=\"https:\/\/www.dmsjuridica.com\/buscador_20179478954\/corteconstitucionalcronologico202454587\/t-260-97\/\" class=\"_self pt-cv-readmore btn btn-success\" target=\"_self\">Ver Sentencia Completa...<\/a><\/div><\/div><\/div><\/div>\n<div class=\"col-md-12 col-sm-12 col-xs-12 pt-cv-content-item pt-cv-1-col\" ><div class='pt-cv-ifield'><a href=\"https:\/\/www.dmsjuridica.com\/buscador_20179478954\/corteconstitucionalcronologico202454587\/t-259-97\/\" class=\"_self pt-cv-href-thumbnail pt-cv-thumb-default\" target=\"_self\" ><\/a>\n<div class=\"pt-cv-taxoterm above_title\"><a href='https:\/\/www.dmsjuridica.com\/buscador_20179478954\/corteconstitucionalcronologico202454587\/category\/buscar-en-toda-la-corte\/1997\/tutelas-1997\/' title='Tutelas 1997' class='pt-cv-tax-tutelas-1997'>Tutelas 1997<\/a><\/div>\n<h4 class=\"pt-cv-title\"><a href=\"https:\/\/www.dmsjuridica.com\/buscador_20179478954\/corteconstitucionalcronologico202454587\/t-259-97\/\" class=\"_self\" target=\"_self\" >T 259 97<\/a><\/h4>\n<div class=\"pt-cv-content\">T-259-97 Sentencia T-259\/97 MEDIO DE DEFENSA JUDICIAL-Pago de acreencias laborales No se aprecia vulneraci\u00f3n alguna del m\u00ednimo vital del accionante, ni se est\u00e1 ante un da\u00f1o inminente e irremediable que acelere la protecci\u00f3n por esta v\u00eda. Es claro, que la situaci\u00f3n del actor no se enmarca dentro de aquellas circunstancias excepcionales que la jurisprudencia ha enunciado para efectos de conceder la tutela frente a acreencias laborales. Tampoco se vislumbra falta de idoneidad del medio alternativo de defensa, antes por el contrario, son esos otros medios de defensa judicial, los aptos para lograr el pago de lo adeudado. Referencia: Expediente T-121555 ...<br \/><div class=\"pt-cv-rmwrap\"><a href=\"https:\/\/www.dmsjuridica.com\/buscador_20179478954\/corteconstitucionalcronologico202454587\/t-259-97\/\" class=\"_self pt-cv-readmore btn btn-success\" target=\"_self\">Ver Sentencia Completa...<\/a><\/div><\/div><\/div><\/div>\n<div class=\"col-md-12 col-sm-12 col-xs-12 pt-cv-content-item pt-cv-1-col\" ><div class='pt-cv-ifield'><a href=\"https:\/\/www.dmsjuridica.com\/buscador_20179478954\/corteconstitucionalcronologico202454587\/t-258-97\/\" class=\"_self pt-cv-href-thumbnail pt-cv-thumb-default\" target=\"_self\" ><\/a>\n<div class=\"pt-cv-taxoterm above_title\"><a href='https:\/\/www.dmsjuridica.com\/buscador_20179478954\/corteconstitucionalcronologico202454587\/category\/buscar-en-toda-la-corte\/1997\/tutelas-1997\/' title='Tutelas 1997' class='pt-cv-tax-tutelas-1997'>Tutelas 1997<\/a><\/div>\n<h4 class=\"pt-cv-title\"><a href=\"https:\/\/www.dmsjuridica.com\/buscador_20179478954\/corteconstitucionalcronologico202454587\/t-258-97\/\" class=\"_self\" target=\"_self\" >T 258 97<\/a><\/h4>\n<div class=\"pt-cv-content\">T-258-97 Sentencia T-258\/97 DERECHO A LA VIVIENDA DIGNA-Condici\u00f3n asistencial La Constituci\u00f3n se\u00f1al\u00f3 el derecho que tienen toda persona para acceder a la vivienda en condiciones dignas. Dicho derecho, que se cataloga como de segunda generaci\u00f3n y que se sit\u00faa junto con otros derechos de car\u00e1cter econ\u00f3mico, no tiene la protecci\u00f3n inmediata que le puede brindar la acci\u00f3n de tutela, pues en su condici\u00f3n de derecho asistencial, le corresponde al Estado la obligaci\u00f3n de desarrollar planes de vivienda, ya sea directamente o por medio de contratos con particulares, todo de acuerdo con la ley. Por tal motivo, las condiciones jur\u00eddicas, econ\u00f3micas ...<br \/><div class=\"pt-cv-rmwrap\"><a href=\"https:\/\/www.dmsjuridica.com\/buscador_20179478954\/corteconstitucionalcronologico202454587\/t-258-97\/\" class=\"_self pt-cv-readmore btn btn-success\" target=\"_self\">Ver Sentencia Completa...<\/a><\/div><\/div><\/div><\/div>\n<div class=\"col-md-12 col-sm-12 col-xs-12 pt-cv-content-item pt-cv-1-col\" ><div class='pt-cv-ifield'><a href=\"https:\/\/www.dmsjuridica.com\/buscador_20179478954\/corteconstitucionalcronologico202454587\/t-250-97\/\" class=\"_self pt-cv-href-thumbnail pt-cv-thumb-default\" target=\"_self\" ><\/a>\n<div class=\"pt-cv-taxoterm above_title\"><a href='https:\/\/www.dmsjuridica.com\/buscador_20179478954\/corteconstitucionalcronologico202454587\/category\/buscar-en-toda-la-corte\/1997\/tutelas-1997\/' title='Tutelas 1997' class='pt-cv-tax-tutelas-1997'>Tutelas 1997<\/a><\/div>\n<h4 class=\"pt-cv-title\"><a href=\"https:\/\/www.dmsjuridica.com\/buscador_20179478954\/corteconstitucionalcronologico202454587\/t-250-97\/\" class=\"_self\" target=\"_self\" >T 250 97<\/a><\/h4>\n<div class=\"pt-cv-content\">T-250-97 Sentencia T-250\/97 ENTIDAD PROMOTORA DE SALUD-Preexistencias La Corte considera que si alguien tiene derecho a la prestaci\u00f3n de los servicios inherentes a la seguridad social, a cargo de una entidad p\u00fablica o privada, en raz\u00f3n de estar cubierto por el Sistema General de Seguridad en Salud, sufren grave amenaza sus derechos fundamentales a la salud y a la vida, cuando, por fuera de la ley, se le hacen valer preexistencias o se condiciona la prestaci\u00f3n del servicio al tiempo de vinculaci\u00f3n con determinada empresa promotora de salud. La persona se afilia al sistema, no a una de las entidades ...<br \/><div class=\"pt-cv-rmwrap\"><a href=\"https:\/\/www.dmsjuridica.com\/buscador_20179478954\/corteconstitucionalcronologico202454587\/t-250-97\/\" class=\"_self pt-cv-readmore btn btn-success\" target=\"_self\">Ver Sentencia Completa...<\/a><\/div><\/div><\/div><\/div>\n<div class=\"col-md-12 col-sm-12 col-xs-12 pt-cv-content-item pt-cv-1-col\" ><div class='pt-cv-ifield'><a href=\"https:\/\/www.dmsjuridica.com\/buscador_20179478954\/corteconstitucionalcronologico202454587\/t-249-97\/\" class=\"_self pt-cv-href-thumbnail pt-cv-thumb-default\" target=\"_self\" ><\/a>\n<div class=\"pt-cv-taxoterm above_title\"><a href='https:\/\/www.dmsjuridica.com\/buscador_20179478954\/corteconstitucionalcronologico202454587\/category\/buscar-en-toda-la-corte\/1997\/tutelas-1997\/' title='Tutelas 1997' class='pt-cv-tax-tutelas-1997'>Tutelas 1997<\/a><\/div>\n<h4 class=\"pt-cv-title\"><a href=\"https:\/\/www.dmsjuridica.com\/buscador_20179478954\/corteconstitucionalcronologico202454587\/t-249-97\/\" class=\"_self\" target=\"_self\" >T 249 97<\/a><\/h4>\n<div class=\"pt-cv-content\">T-249-97 Sentencia T-249\/97 ACCION DE TUTELA-Improcedencia contra interpretaciones judiciales La Corte reconoci\u00f3 la posibilidad de conceder el amparo judicial cuando se configura una actuaci\u00f3n del juez que ri\u00f1e abiertamente con el orden jur\u00eddico al que est\u00e1 sometido el proceso. Tal opci\u00f3n, de car\u00e1cter extraordinario, como su mismo enunciado lo contempla, excluye la acci\u00f3n de tutela que pueda recaer sobre la interpretaci\u00f3n en la que funde el juez su dictado. No se da la transgresi\u00f3n de ninguna norma integrante del ordenamiento jur\u00eddico y, apenas, se tiene una interpretaci\u00f3n -que puede o no compartirse- acerca de la manera como ha de computarse ...<br \/><div class=\"pt-cv-rmwrap\"><a href=\"https:\/\/www.dmsjuridica.com\/buscador_20179478954\/corteconstitucionalcronologico202454587\/t-249-97\/\" class=\"_self pt-cv-readmore btn btn-success\" target=\"_self\">Ver Sentencia Completa...<\/a><\/div><\/div><\/div><\/div>\n<div class=\"col-md-12 col-sm-12 col-xs-12 pt-cv-content-item pt-cv-1-col\" ><div class='pt-cv-ifield'><a href=\"https:\/\/www.dmsjuridica.com\/buscador_20179478954\/corteconstitucionalcronologico202454587\/t-248-97\/\" class=\"_self pt-cv-href-thumbnail pt-cv-thumb-default\" target=\"_self\" ><\/a>\n<div class=\"pt-cv-taxoterm above_title\"><a href='https:\/\/www.dmsjuridica.com\/buscador_20179478954\/corteconstitucionalcronologico202454587\/category\/buscar-en-toda-la-corte\/1997\/tutelas-1997\/' title='Tutelas 1997' class='pt-cv-tax-tutelas-1997'>Tutelas 1997<\/a><\/div>\n<h4 class=\"pt-cv-title\"><a href=\"https:\/\/www.dmsjuridica.com\/buscador_20179478954\/corteconstitucionalcronologico202454587\/t-248-97\/\" class=\"_self\" target=\"_self\" >T 248 97<\/a><\/h4>\n<div class=\"pt-cv-content\">T-248-97 Sentencia T-248\/97 ESTABLECIMIENTO HOSPITALARIO-Inexistencia responsabilidad para cubrir tratamiento m\u00e9dico\/PRINCIPIO DE SOLIDARIDAD EN SALUD-Protecci\u00f3n estatal A la cl\u00ednica accionada no se le imput\u00f3 responsabilidad alguna por los hechos, en raz\u00f3n de lo cual tampoco se le podr\u00eda exigir asumir el costo de lo que la satisfacci\u00f3n de los derechos del menor demande, en tanto que no existe un nexo de causalidad entre la actuaci\u00f3n de la cl\u00ednica y los da\u00f1os causados a la integridad de un menor, as\u00ed la operaci\u00f3n que lo llev\u00f3 al estado vegetativo en el que actualmente se encuentra, se haya practicado en sus instalaciones. Si el ...<br \/><div class=\"pt-cv-rmwrap\"><a href=\"https:\/\/www.dmsjuridica.com\/buscador_20179478954\/corteconstitucionalcronologico202454587\/t-248-97\/\" class=\"_self pt-cv-readmore btn btn-success\" target=\"_self\">Ver Sentencia Completa...<\/a><\/div><\/div><\/div><\/div>\n<div class=\"col-md-12 col-sm-12 col-xs-12 pt-cv-content-item pt-cv-1-col\" ><div class='pt-cv-ifield'><a href=\"https:\/\/www.dmsjuridica.com\/buscador_20179478954\/corteconstitucionalcronologico202454587\/t-247-97\/\" class=\"_self pt-cv-href-thumbnail pt-cv-thumb-default\" target=\"_self\" ><\/a>\n<div class=\"pt-cv-taxoterm above_title\"><a href='https:\/\/www.dmsjuridica.com\/buscador_20179478954\/corteconstitucionalcronologico202454587\/category\/buscar-en-toda-la-corte\/1997\/tutelas-1997\/' title='Tutelas 1997' class='pt-cv-tax-tutelas-1997'>Tutelas 1997<\/a><\/div>\n<h4 class=\"pt-cv-title\"><a href=\"https:\/\/www.dmsjuridica.com\/buscador_20179478954\/corteconstitucionalcronologico202454587\/t-247-97\/\" class=\"_self\" target=\"_self\" >T 247 97<\/a><\/h4>\n<div class=\"pt-cv-content\">T-247-97 Sentencia T-247\/97 DEBIDO PROCESO DE TUTELA-Notificaci\u00f3n ineludible y oportuna al tercero interesado\/DEMANDA DE TUTELA-Notificaci\u00f3n ineludible y oportuna al tercero interesado\/DEBIDO PROCESO DE TUTELA-Notificaci\u00f3n de tercero interesado La intervenci\u00f3n de los terceros se orienta, primordialmente, a lograr que, en virtud de su leg\u00edtimo inter\u00e9s, ellos tengan la posibilidad de ejercer todas las garant\u00edas del debido proceso y sobre todo el derecho de defensa que es uno de sus principios rectores y merced al cual pueden allegar las pruebas que consideren pertinentes y controvertir las que se presenten en su contra, dentro de los momentos y t\u00e9rminos procesales que, de acuerdo ...<br \/><div class=\"pt-cv-rmwrap\"><a href=\"https:\/\/www.dmsjuridica.com\/buscador_20179478954\/corteconstitucionalcronologico202454587\/t-247-97\/\" class=\"_self pt-cv-readmore btn btn-success\" target=\"_self\">Ver Sentencia Completa...<\/a><\/div><\/div><\/div><\/div>\n<div class=\"col-md-12 col-sm-12 col-xs-12 pt-cv-content-item pt-cv-1-col\" ><div class='pt-cv-ifield'><a href=\"https:\/\/www.dmsjuridica.com\/buscador_20179478954\/corteconstitucionalcronologico202454587\/t-246-97\/\" class=\"_self pt-cv-href-thumbnail pt-cv-thumb-default\" target=\"_self\" ><\/a>\n<div class=\"pt-cv-taxoterm above_title\"><a href='https:\/\/www.dmsjuridica.com\/buscador_20179478954\/corteconstitucionalcronologico202454587\/category\/buscar-en-toda-la-corte\/1997\/tutelas-1997\/' title='Tutelas 1997' class='pt-cv-tax-tutelas-1997'>Tutelas 1997<\/a><\/div>\n<h4 class=\"pt-cv-title\"><a href=\"https:\/\/www.dmsjuridica.com\/buscador_20179478954\/corteconstitucionalcronologico202454587\/t-246-97\/\" class=\"_self\" target=\"_self\" >T 246 97<\/a><\/h4>\n<div class=\"pt-cv-content\">T-246-97 -Pronta resoluci\u00f3n frente a la igualdad DERECHO DE PETICION-Pronta resoluci\u00f3n En repetidas oportunidades, la Corte Constitucional ha aclarado que las autoridades violan el derecho de petici\u00f3n de las personas, cuando transcurre el t\u00e9rmino consagrado en la ley para pronunciarse de fondo sobre las peticiones que \u00e9stas les presenten, y aqu\u00e9llas s\u00f3lo responden que el asunto contin\u00faa en tr\u00e1mite. DERECHO DE PETICION-Pronta resoluci\u00f3n frente a la igualdad No es de recibo el argumento seg\u00fan el cual el juez de tutela no puede dar a la Caja Nacional de Previsi\u00f3n Social la orden de resolver las peticiones de los actores en ...<br \/><div class=\"pt-cv-rmwrap\"><a href=\"https:\/\/www.dmsjuridica.com\/buscador_20179478954\/corteconstitucionalcronologico202454587\/t-246-97\/\" class=\"_self pt-cv-readmore btn btn-success\" target=\"_self\">Ver Sentencia Completa...<\/a><\/div><\/div><\/div><\/div>\n<div class=\"col-md-12 col-sm-12 col-xs-12 pt-cv-content-item pt-cv-1-col\" ><div class='pt-cv-ifield'><a href=\"https:\/\/www.dmsjuridica.com\/buscador_20179478954\/corteconstitucionalcronologico202454587\/t-245-97\/\" class=\"_self pt-cv-href-thumbnail pt-cv-thumb-default\" target=\"_self\" ><\/a>\n<div class=\"pt-cv-taxoterm above_title\"><a href='https:\/\/www.dmsjuridica.com\/buscador_20179478954\/corteconstitucionalcronologico202454587\/category\/buscar-en-toda-la-corte\/1997\/tutelas-1997\/' title='Tutelas 1997' class='pt-cv-tax-tutelas-1997'>Tutelas 1997<\/a><\/div>\n<h4 class=\"pt-cv-title\"><a href=\"https:\/\/www.dmsjuridica.com\/buscador_20179478954\/corteconstitucionalcronologico202454587\/t-245-97\/\" class=\"_self\" target=\"_self\" >T 245 97<\/a><\/h4>\n<div class=\"pt-cv-content\">T-245-97 Sentencia T-245\/97 PERSONERO MUNICIPAL-Presentaci\u00f3n de tutela Los personeros municipales y sus delegados se encuentran legitimados para actuar en este tipo de procedimientos, como quiera que el Defensor del Pueblo, en cumplimiento de las funciones que el art\u00edculo 282 de la Constituci\u00f3n Pol\u00edtica le se\u00f1ala, profiri\u00f3 la resoluci\u00f3n No. 001 de 1992, en la cual deleg\u00f3 en los personeros municipales en todo el pa\u00eds, la facultad de incoar acciones de tutela en nombre de cualquier persona que se lo solicite o se encuentre en estado de indefensi\u00f3n, cumpliendo de esta manera con el art\u00edculo 49 del Decreto 2591 de 1991 ...<br \/><div class=\"pt-cv-rmwrap\"><a href=\"https:\/\/www.dmsjuridica.com\/buscador_20179478954\/corteconstitucionalcronologico202454587\/t-245-97\/\" class=\"_self pt-cv-readmore btn btn-success\" target=\"_self\">Ver Sentencia Completa...<\/a><\/div><\/div><\/div><\/div>\n<div class=\"col-md-12 col-sm-12 col-xs-12 pt-cv-content-item pt-cv-1-col\" ><div class='pt-cv-ifield'><a href=\"https:\/\/www.dmsjuridica.com\/buscador_20179478954\/corteconstitucionalcronologico202454587\/t-244-97\/\" class=\"_self pt-cv-href-thumbnail pt-cv-thumb-default\" target=\"_self\" ><\/a>\n<div class=\"pt-cv-taxoterm above_title\"><a href='https:\/\/www.dmsjuridica.com\/buscador_20179478954\/corteconstitucionalcronologico202454587\/category\/buscar-en-toda-la-corte\/1997\/tutelas-1997\/' title='Tutelas 1997' class='pt-cv-tax-tutelas-1997'>Tutelas 1997<\/a><\/div>\n<h4 class=\"pt-cv-title\"><a href=\"https:\/\/www.dmsjuridica.com\/buscador_20179478954\/corteconstitucionalcronologico202454587\/t-244-97\/\" class=\"_self\" target=\"_self\" >T 244 97<\/a><\/h4>\n<div class=\"pt-cv-content\">T-244-97 Sentencia T-244\/97 DERECHO DE PETICION-Telegrama con destinaci\u00f3n inexistente Referencia: Expediente T-123924 Procedencia: Tribunal Superior de Santaf\u00e9 de Bogot\u00e1 -Sala Penal Accionante: Francisco Zipa Dr. ALEJANDRO MARTINEZ CABALLERO Santa Fe de Bogot\u00e1, D.C., veinte (20) de mayo de mil novecientos noventa y siete (1997). La Sala S\u00e9ptima de Revisi\u00f3n de la Corte Constitucional, integrada por los Magistrados doctores Fabio Mor\u00f3n D\u00edaz, Vladimiro Naranjo Mesa y Alejandro Mart\u00ednez Caballero, quien la preside, en ejercicio de sus competencias constitucionales y legales EN NOMBRE DEL PUEBLO Y POR MANDATO DE LA CONSTITUCION Ha pronunciado la siguiente SENTENCIA Dentro de la Tutela T-123924 instaurada ...<br \/><div class=\"pt-cv-rmwrap\"><a href=\"https:\/\/www.dmsjuridica.com\/buscador_20179478954\/corteconstitucionalcronologico202454587\/t-244-97\/\" class=\"_self pt-cv-readmore btn btn-success\" target=\"_self\">Ver Sentencia Completa...<\/a><\/div><\/div><\/div><\/div>\n<div class=\"col-md-12 col-sm-12 col-xs-12 pt-cv-content-item pt-cv-1-col\" ><div class='pt-cv-ifield'><a href=\"https:\/\/www.dmsjuridica.com\/buscador_20179478954\/corteconstitucionalcronologico202454587\/t-235-97\/\" class=\"_self pt-cv-href-thumbnail pt-cv-thumb-default\" target=\"_self\" ><\/a>\n<div class=\"pt-cv-taxoterm above_title\"><a href='https:\/\/www.dmsjuridica.com\/buscador_20179478954\/corteconstitucionalcronologico202454587\/category\/buscar-en-toda-la-corte\/1997\/tutelas-1997\/' title='Tutelas 1997' class='pt-cv-tax-tutelas-1997'>Tutelas 1997<\/a><\/div>\n<h4 class=\"pt-cv-title\"><a href=\"https:\/\/www.dmsjuridica.com\/buscador_20179478954\/corteconstitucionalcronologico202454587\/t-235-97\/\" class=\"_self\" target=\"_self\" >T 235 97<\/a><\/h4>\n<div class=\"pt-cv-content\">T-235-97 Sentencia T-235\/97 DERECHO A LA EDUCACION-Deber estatal de cubrimiento del servicio p\u00fablico Si el derecho a la educaci\u00f3n, desde su enunciaci\u00f3n en el pre\u00e1mbulo de la Carta Pol\u00edtica se consagr\u00f3 con el car\u00e1cter de fundamental, y est\u00e1 revestido de una funci\u00f3n social a fin de formar al colombiano en el respeto de los derechos humanos y a la paz y a la democracia, que busca el \"acceso al conocimiento, a la ciencia, a la t\u00e9cnica y a los dem\u00e1s bienes y valores de la cultura\" de la persona, resulta natural entonces, procedente la protecci\u00f3n del mismo, en favor de ...<br \/><div class=\"pt-cv-rmwrap\"><a href=\"https:\/\/www.dmsjuridica.com\/buscador_20179478954\/corteconstitucionalcronologico202454587\/t-235-97\/\" class=\"_self pt-cv-readmore btn btn-success\" target=\"_self\">Ver Sentencia Completa...<\/a><\/div><\/div><\/div><\/div>\n<div class=\"col-md-12 col-sm-12 col-xs-12 pt-cv-content-item pt-cv-1-col\" ><div class='pt-cv-ifield'><a href=\"https:\/\/www.dmsjuridica.com\/buscador_20179478954\/corteconstitucionalcronologico202454587\/t-234-97\/\" class=\"_self pt-cv-href-thumbnail pt-cv-thumb-default\" target=\"_self\" ><\/a>\n<div class=\"pt-cv-taxoterm above_title\"><a href='https:\/\/www.dmsjuridica.com\/buscador_20179478954\/corteconstitucionalcronologico202454587\/category\/buscar-en-toda-la-corte\/1997\/tutelas-1997\/' title='Tutelas 1997' class='pt-cv-tax-tutelas-1997'>Tutelas 1997<\/a><\/div>\n<h4 class=\"pt-cv-title\"><a href=\"https:\/\/www.dmsjuridica.com\/buscador_20179478954\/corteconstitucionalcronologico202454587\/t-234-97\/\" class=\"_self\" target=\"_self\" >T 234 97<\/a><\/h4>\n<div class=\"pt-cv-content\">T-234-97 Sentencia T-234\/97 ACCION DE TUTELA EN MATERIA LABORAL-Procedencia excepcional DERECHO AL TRABAJO EN CONDICIONES DIGNAS Y JUSTAS-Pago oportuno salarios de educadores\/PARTIDA PRESUPUESTAL-Gesti\u00f3n y distribuci\u00f3n para pago oportuno de salarios El pago peri\u00f3dico y completo del salario pactado constituye un derecho del trabajador y una obligaci\u00f3n a cargo del patrono, cuyo incumplimiento afecta los derechos a la subsistencia y al trabajo en condiciones dignas y justas. Ha reiterado la jurisprudencia de esta Corporaci\u00f3n que el amparo de los derechos fundamentales, como los que aqu\u00ed se solicitan, es viable cuando el motivo de la violaci\u00f3n es la negligencia u omisi\u00f3n de ...<br \/><div class=\"pt-cv-rmwrap\"><a href=\"https:\/\/www.dmsjuridica.com\/buscador_20179478954\/corteconstitucionalcronologico202454587\/t-234-97\/\" class=\"_self pt-cv-readmore btn btn-success\" target=\"_self\">Ver Sentencia Completa...<\/a><\/div><\/div><\/div><\/div>\n<div class=\"col-md-12 col-sm-12 col-xs-12 pt-cv-content-item pt-cv-1-col\" ><div class='pt-cv-ifield'><a href=\"https:\/\/www.dmsjuridica.com\/buscador_20179478954\/corteconstitucionalcronologico202454587\/t-230-97\/\" class=\"_self pt-cv-href-thumbnail pt-cv-thumb-default\" target=\"_self\" ><\/a>\n<div class=\"pt-cv-taxoterm above_title\"><a href='https:\/\/www.dmsjuridica.com\/buscador_20179478954\/corteconstitucionalcronologico202454587\/category\/buscar-en-toda-la-corte\/1997\/tutelas-1997\/' title='Tutelas 1997' class='pt-cv-tax-tutelas-1997'>Tutelas 1997<\/a><\/div>\n<h4 class=\"pt-cv-title\"><a href=\"https:\/\/www.dmsjuridica.com\/buscador_20179478954\/corteconstitucionalcronologico202454587\/t-230-97\/\" class=\"_self\" target=\"_self\" >T 230 97<\/a><\/h4>\n<div class=\"pt-cv-content\">T-230-97 Sentencia T-230\/97 SINDICATO-Controversia sobre intereses colectivos\/ACCION DE TUTELA CONTRA EMPLEADOR Y SINDICATO-Titularidad de derechos constitucionales La situaci\u00f3n que se plantea es diferente a la analizada por la Corte en otras ocasiones, en las cuales sostuvo de que cuando la controversia en relaci\u00f3n por la violaci\u00f3n de derechos constitucionales por la celebraci\u00f3n de pactos y convenciones colectivas versa sobre intereses colectivos, la acci\u00f3n de tutela debe ser interpuesta por el sindicato y no por los trabajadores individualmente considerados, salvo que uno y otros la promuevan. En esta oportunidad los demandantes aducen la violaci\u00f3n de los derechos constitucionales cuyo amparo invoca, ...<br \/><div class=\"pt-cv-rmwrap\"><a href=\"https:\/\/www.dmsjuridica.com\/buscador_20179478954\/corteconstitucionalcronologico202454587\/t-230-97\/\" class=\"_self pt-cv-readmore btn btn-success\" target=\"_self\">Ver Sentencia Completa...<\/a><\/div><\/div><\/div><\/div>\n<div class=\"col-md-12 col-sm-12 col-xs-12 pt-cv-content-item pt-cv-1-col\" ><div class='pt-cv-ifield'><a href=\"https:\/\/www.dmsjuridica.com\/buscador_20179478954\/corteconstitucionalcronologico202454587\/t-229-97\/\" class=\"_self pt-cv-href-thumbnail pt-cv-thumb-default\" target=\"_self\" ><\/a>\n<div class=\"pt-cv-taxoterm above_title\"><a href='https:\/\/www.dmsjuridica.com\/buscador_20179478954\/corteconstitucionalcronologico202454587\/category\/buscar-en-toda-la-corte\/1997\/tutelas-1997\/' title='Tutelas 1997' class='pt-cv-tax-tutelas-1997'>Tutelas 1997<\/a><\/div>\n<h4 class=\"pt-cv-title\"><a href=\"https:\/\/www.dmsjuridica.com\/buscador_20179478954\/corteconstitucionalcronologico202454587\/t-229-97\/\" class=\"_self\" target=\"_self\" >T 229 97<\/a><\/h4>\n<div class=\"pt-cv-content\">T-229-97 Sentencia T-229\/97 DERECHO DE PETICION-Alcance Efectivamente el actor obtuvo una respuesta a su solicitud, aunque \u00e9sta no fue favorable a sus pretensiones. En reiterada jurisprudencia de esta Corporaci\u00f3n, se ha hecho \u00e9nfasis acerca del alcance del derecho fundamental de petici\u00f3n, y se ha sostenido que por medio de \u00e9ste se busca obtener respuesta de la administraci\u00f3n sobre una solicitud determinada, sin que esto obligue a quien resuelve, a resolverla favorablemente en todos los casos. VACACIONES LABORALES-Importancia\/MEDIO DE DEFENSA JUDICIAL-Reconocimiento y otorgamiento de vacaciones Referencia: Expediente T-113197 Actor: Jos\u00e9 Nilo Hern\u00e1ndez Procedencia: Juzgado Segundo (2\u00ba) Laboral del Circuito de Palmira ...<br \/><div class=\"pt-cv-rmwrap\"><a href=\"https:\/\/www.dmsjuridica.com\/buscador_20179478954\/corteconstitucionalcronologico202454587\/t-229-97\/\" class=\"_self pt-cv-readmore btn btn-success\" target=\"_self\">Ver Sentencia Completa...<\/a><\/div><\/div><\/div><\/div>\n<div class=\"col-md-12 col-sm-12 col-xs-12 pt-cv-content-item pt-cv-1-col\" ><div class='pt-cv-ifield'><a href=\"https:\/\/www.dmsjuridica.com\/buscador_20179478954\/corteconstitucionalcronologico202454587\/t-228-97\/\" class=\"_self pt-cv-href-thumbnail pt-cv-thumb-default\" target=\"_self\" ><\/a>\n<div class=\"pt-cv-taxoterm above_title\"><a href='https:\/\/www.dmsjuridica.com\/buscador_20179478954\/corteconstitucionalcronologico202454587\/category\/buscar-en-toda-la-corte\/1997\/tutelas-1997\/' title='Tutelas 1997' class='pt-cv-tax-tutelas-1997'>Tutelas 1997<\/a><\/div>\n<h4 class=\"pt-cv-title\"><a href=\"https:\/\/www.dmsjuridica.com\/buscador_20179478954\/corteconstitucionalcronologico202454587\/t-228-97\/\" class=\"_self\" target=\"_self\" >T 228 97<\/a><\/h4>\n<div class=\"pt-cv-content\">T-228-97 Sentencia T-228\/97 DERECHO A LA IGUALDAD-Discriminaci\u00f3n por r\u00e9gimen de cesant\u00edas parciales DERECHO DE PETICION-Resoluci\u00f3n clara y espec\u00edfica Toda persona tiene derecho a que la respuesta de la administraci\u00f3n sea clara y espec\u00edfica en torno a la resoluci\u00f3n adoptada, con independencia de si es negativa o positiva. La respuesta, entonces, adem\u00e1s de oportuna, ha de ser exacta y del contenido del respectivo acto debe desprenderse sin dificultad la conclusi\u00f3n acerca del sentido y los alcances de la determinaci\u00f3n en ella adoptada. CESANTIAS PARCIALES DE EMPLEADOS JUDICIALES INAPLICACION DE NORMA-Reconocimiento y liquidaci\u00f3n de cesant\u00edas parciales PARTIDA PRESUPUESTAL-Apropiaciones para pago de cesant\u00edas ...<br \/><div class=\"pt-cv-rmwrap\"><a href=\"https:\/\/www.dmsjuridica.com\/buscador_20179478954\/corteconstitucionalcronologico202454587\/t-228-97\/\" class=\"_self pt-cv-readmore btn btn-success\" target=\"_self\">Ver Sentencia Completa...<\/a><\/div><\/div><\/div><\/div>\n<div class=\"col-md-12 col-sm-12 col-xs-12 pt-cv-content-item pt-cv-1-col\" ><div class='pt-cv-ifield'><a href=\"https:\/\/www.dmsjuridica.com\/buscador_20179478954\/corteconstitucionalcronologico202454587\/t-227-97\/\" class=\"_self pt-cv-href-thumbnail pt-cv-thumb-default\" target=\"_self\" ><\/a>\n<div class=\"pt-cv-taxoterm above_title\"><a href='https:\/\/www.dmsjuridica.com\/buscador_20179478954\/corteconstitucionalcronologico202454587\/category\/buscar-en-toda-la-corte\/1997\/tutelas-1997\/' title='Tutelas 1997' class='pt-cv-tax-tutelas-1997'>Tutelas 1997<\/a><\/div>\n<h4 class=\"pt-cv-title\"><a href=\"https:\/\/www.dmsjuridica.com\/buscador_20179478954\/corteconstitucionalcronologico202454587\/t-227-97\/\" class=\"_self\" target=\"_self\" >T 227 97<\/a><\/h4>\n<div class=\"pt-cv-content\">T-227-97 Sentencia T-227\/97 DESPLAZADO INTERNO-Elementos cruciales\/DESPLAZADO INTERNO-Campesinos Sea cual fuere la descripci\u00f3n que se adopte sobre desplazados internos, todas contienen dos elementos cruciales: la coacci\u00f3n que hace necesario el traslado y la permanencia dentro de las fronteras de la propia naci\u00f3n. Si estas dos condiciones se dan, no hay la menor duda de que se est\u00e1 ante un problema de desplazados. Est\u00e1 demostrado que el retiro del lugar natural que los campesinos ten\u00edan, no se debi\u00f3 a propia voluntad de ellos, sino a la coacci\u00f3n injusta de grupos armados que no solamente amenazaron la vida de los colonos de la ...<br \/><div class=\"pt-cv-rmwrap\"><a href=\"https:\/\/www.dmsjuridica.com\/buscador_20179478954\/corteconstitucionalcronologico202454587\/t-227-97\/\" class=\"_self pt-cv-readmore btn btn-success\" target=\"_self\">Ver Sentencia Completa...<\/a><\/div><\/div><\/div><\/div>\n<div class=\"col-md-12 col-sm-12 col-xs-12 pt-cv-content-item pt-cv-1-col\" ><div class='pt-cv-ifield'><a href=\"https:\/\/www.dmsjuridica.com\/buscador_20179478954\/corteconstitucionalcronologico202454587\/t-225-97\/\" class=\"_self pt-cv-href-thumbnail pt-cv-thumb-default\" target=\"_self\" ><\/a>\n<div class=\"pt-cv-taxoterm above_title\"><a href='https:\/\/www.dmsjuridica.com\/buscador_20179478954\/corteconstitucionalcronologico202454587\/category\/buscar-en-toda-la-corte\/1997\/tutelas-1997\/' title='Tutelas 1997' class='pt-cv-tax-tutelas-1997'>Tutelas 1997<\/a><\/div>\n<h4 class=\"pt-cv-title\"><a href=\"https:\/\/www.dmsjuridica.com\/buscador_20179478954\/corteconstitucionalcronologico202454587\/t-225-97\/\" class=\"_self\" target=\"_self\" >T 225 97<\/a><\/h4>\n<div class=\"pt-cv-content\">T-225-97 REGLAMENTO EDUCATIVO-Sanci\u00f3n por cualquier manifestaci\u00f3n amorosa\/DERECHO A LA INTIMIDAD DEL ESTUDIANTE-Sanci\u00f3n por cualquier manifestaci\u00f3n amorosa\/REGLAMENTO EDUCATIVO-Relaciones sentimentales que no afecten rendimiento y disciplina acad\u00e9mica\/DERECHO A LA EDUCACION-Prohibici\u00f3n absoluta de relaciones amorosas El Reglamento de Convivencia del colegio merece un serio reparo, en virtud de que al sancionar \"cualquier manifestaci\u00f3n amorosa\", como lo se\u00f1ala dicha regulaci\u00f3n, desconoce irrazonablemente el derecho a la intimidad de los estudiantes y afecta, igualmente, los derechos a la libertad y al libre desarrollo de su personalidad. No toda forma de relaci\u00f3n o manifestaci\u00f3n amorosa puede ser censurable, de manera que al consagrarse como una prohibici\u00f3n ...<br \/><div class=\"pt-cv-rmwrap\"><a href=\"https:\/\/www.dmsjuridica.com\/buscador_20179478954\/corteconstitucionalcronologico202454587\/t-225-97\/\" class=\"_self pt-cv-readmore btn btn-success\" target=\"_self\">Ver Sentencia Completa...<\/a><\/div><\/div><\/div><\/div>\n<div class=\"col-md-12 col-sm-12 col-xs-12 pt-cv-content-item pt-cv-1-col\" ><div class='pt-cv-ifield'><a href=\"https:\/\/www.dmsjuridica.com\/buscador_20179478954\/corteconstitucionalcronologico202454587\/t-224-97\/\" class=\"_self pt-cv-href-thumbnail pt-cv-thumb-default\" target=\"_self\" ><\/a>\n<div class=\"pt-cv-taxoterm above_title\"><a href='https:\/\/www.dmsjuridica.com\/buscador_20179478954\/corteconstitucionalcronologico202454587\/category\/buscar-en-toda-la-corte\/1997\/tutelas-1997\/' title='Tutelas 1997' class='pt-cv-tax-tutelas-1997'>Tutelas 1997<\/a><\/div>\n<h4 class=\"pt-cv-title\"><a href=\"https:\/\/www.dmsjuridica.com\/buscador_20179478954\/corteconstitucionalcronologico202454587\/t-224-97\/\" class=\"_self\" target=\"_self\" >T 224 97<\/a><\/h4>\n<div class=\"pt-cv-content\">T-224-97 Sentencia T-224\/97 DERECHO A LA SALUD-Necesidad de suministrar medicamentos Referencia: Expediente T-117950 Acci\u00f3n de tutela en contra del Instituto de los Seguros Sociales -ISS- por violaci\u00f3n de los derechos a la salud y a la vida. Actor : Jos\u00e9 Joaqu\u00edn Duarte P\u00e9rez Magistrado Ponente: Dr. CARLOS GAVIRIA D\u00cdAZ La Sala Cuarta de Revisi\u00f3n de Tutelas de la Corte Constitucional, compuesta por los Magistrados Jos\u00e9 Gregorio Hern\u00e1ndez Galindo, Hernando Herrera Vergara y Carlos Gaviria D\u00edaz, \u00e9ste \u00faltimo en calidad de ponente, EN NOMBRE DEL PUEBLO Y POR MANDATO DE LA CONSTITUCI\u00d3N, procede a dictar sentencia de revisi\u00f3n en el proceso ...<br \/><div class=\"pt-cv-rmwrap\"><a href=\"https:\/\/www.dmsjuridica.com\/buscador_20179478954\/corteconstitucionalcronologico202454587\/t-224-97\/\" class=\"_self pt-cv-readmore btn btn-success\" target=\"_self\">Ver Sentencia Completa...<\/a><\/div><\/div><\/div><\/div>\n<div class=\"col-md-12 col-sm-12 col-xs-12 pt-cv-content-item pt-cv-1-col\" ><div class='pt-cv-ifield'><a href=\"https:\/\/www.dmsjuridica.com\/buscador_20179478954\/corteconstitucionalcronologico202454587\/t-223-97\/\" class=\"_self pt-cv-href-thumbnail pt-cv-thumb-default\" target=\"_self\" ><\/a>\n<div class=\"pt-cv-taxoterm above_title\"><a href='https:\/\/www.dmsjuridica.com\/buscador_20179478954\/corteconstitucionalcronologico202454587\/category\/buscar-en-toda-la-corte\/1997\/tutelas-1997\/' title='Tutelas 1997' class='pt-cv-tax-tutelas-1997'>Tutelas 1997<\/a><\/div>\n<h4 class=\"pt-cv-title\"><a href=\"https:\/\/www.dmsjuridica.com\/buscador_20179478954\/corteconstitucionalcronologico202454587\/t-223-97\/\" class=\"_self\" target=\"_self\" >T 223 97<\/a><\/h4>\n<div class=\"pt-cv-content\">T-223-97 Sentencia T-223\/97 ACCION DE TUTELA-Improcedencia general pago de acreencias laborales MEDIO DE DEFENSA JUDICIAL-Reconocimiento y pago de prestaciones sociales Referencia: Expediente T-118.128 Peticionario: Edgar Dario Bejarano Mart\u00ednez contra el Alcalde Municipal de Planadas, Tolima. Magistrado Ponente: Dr. HERNANDO HERRERA VERGARA Santa Fe de Bogot\u00e1, mayo cinco (5) de mil novecientos noventa y siete (1997). En cumplimiento de lo dispuesto por el art\u00edculo 241 numeral 9o. de la Constituci\u00f3n Pol\u00edtica, en concordancia con los art\u00edculos 33 y 36 del Decreto 2591 de 1991, el Juzgado Promiscuo Municipal de Planadas, Tolima, remiti\u00f3 a la Corte Constitucional el expediente de la referencia, ...<br \/><div class=\"pt-cv-rmwrap\"><a href=\"https:\/\/www.dmsjuridica.com\/buscador_20179478954\/corteconstitucionalcronologico202454587\/t-223-97\/\" class=\"_self pt-cv-readmore btn btn-success\" target=\"_self\">Ver Sentencia Completa...<\/a><\/div><\/div><\/div><\/div>\n<div class=\"col-md-12 col-sm-12 col-xs-12 pt-cv-content-item pt-cv-1-col\" ><div class='pt-cv-ifield'><a href=\"https:\/\/www.dmsjuridica.com\/buscador_20179478954\/corteconstitucionalcronologico202454587\/t-217-97\/\" class=\"_self pt-cv-href-thumbnail pt-cv-thumb-default\" target=\"_self\" ><\/a>\n<div class=\"pt-cv-taxoterm above_title\"><a href='https:\/\/www.dmsjuridica.com\/buscador_20179478954\/corteconstitucionalcronologico202454587\/category\/buscar-en-toda-la-corte\/1997\/tutelas-1997\/' title='Tutelas 1997' class='pt-cv-tax-tutelas-1997'>Tutelas 1997<\/a><\/div>\n<h4 class=\"pt-cv-title\"><a href=\"https:\/\/www.dmsjuridica.com\/buscador_20179478954\/corteconstitucionalcronologico202454587\/t-217-97\/\" class=\"_self\" target=\"_self\" >T 217 97<\/a><\/h4>\n<div class=\"pt-cv-content\">T-217-97 5 Sentencia T-217\/97 ACCION DE TUTELA-Improcedencia general pago de acreencias laborales\/MEDIO DE DEFENSA JUDICIAL-Derecho laboral convencional \"La jurisprudencia de la Corte ha sido enf\u00e1tica en sostener que la liquidaci\u00f3n y pago de obligaciones laborales escapa al \u00e1mbito propio de la acci\u00f3n de tutela, y si bien es cierto ha admitido su procedencia en algunos casos, ellos han sido excepcionales y primordialmente sustentados en la falta de idoneidad del medio ordinario, en los t\u00e9rminos que se dejan expuestos, relativos siempre de manera espec\u00edfica y directa a las circunstancias en las que se encuentra el actor, lo cual excluye de plano ...<br \/><div class=\"pt-cv-rmwrap\"><a href=\"https:\/\/www.dmsjuridica.com\/buscador_20179478954\/corteconstitucionalcronologico202454587\/t-217-97\/\" class=\"_self pt-cv-readmore btn btn-success\" target=\"_self\">Ver Sentencia Completa...<\/a><\/div><\/div><\/div><\/div>\n<div class=\"col-md-12 col-sm-12 col-xs-12 pt-cv-content-item pt-cv-1-col\" ><div class='pt-cv-ifield'><a href=\"https:\/\/www.dmsjuridica.com\/buscador_20179478954\/corteconstitucionalcronologico202454587\/t-216-97\/\" class=\"_self pt-cv-href-thumbnail pt-cv-thumb-default\" target=\"_self\" ><\/a>\n<div class=\"pt-cv-taxoterm above_title\"><a href='https:\/\/www.dmsjuridica.com\/buscador_20179478954\/corteconstitucionalcronologico202454587\/category\/buscar-en-toda-la-corte\/1997\/tutelas-1997\/' title='Tutelas 1997' class='pt-cv-tax-tutelas-1997'>Tutelas 1997<\/a><\/div>\n<h4 class=\"pt-cv-title\"><a href=\"https:\/\/www.dmsjuridica.com\/buscador_20179478954\/corteconstitucionalcronologico202454587\/t-216-97\/\" class=\"_self\" target=\"_self\" >T 216 97<\/a><\/h4>\n<div class=\"pt-cv-content\">T-216-97 CONTRATO DE MEDICINA PREPAGADA-Preexistencias no exclu\u00eddas al momento del Contrato La Caja de Compensaci\u00f3n Familiar no puede aplicar al actor, como preexistencias, aquellas dolencias que no determin\u00f3 como tales al momento de contratar. Y si Compensar no puede aplicarlas al demandante, tampoco puede liberarse de las obligaciones inherentes al plan complementario, remitiendo al paciente al sistema general de seguridad en salud, sin desvirtuar la filosof\u00eda del plan complementario y sin que su actuaci\u00f3n se torne ileg\u00edtima y abusiva. Referencia: Expediente T-120406 Acci\u00f3n de tutela en contra de la Caja de Compensaci\u00f3n Familiar (Compensar), por violaci\u00f3n de los derechos a ...<br \/><div class=\"pt-cv-rmwrap\"><a href=\"https:\/\/www.dmsjuridica.com\/buscador_20179478954\/corteconstitucionalcronologico202454587\/t-216-97\/\" class=\"_self pt-cv-readmore btn btn-success\" target=\"_self\">Ver Sentencia Completa...<\/a><\/div><\/div><\/div><\/div>\n<div class=\"col-md-12 col-sm-12 col-xs-12 pt-cv-content-item pt-cv-1-col\" ><div class='pt-cv-ifield'><a href=\"https:\/\/www.dmsjuridica.com\/buscador_20179478954\/corteconstitucionalcronologico202454587\/t-215-97\/\" class=\"_self pt-cv-href-thumbnail pt-cv-thumb-default\" target=\"_self\" ><\/a>\n<div class=\"pt-cv-taxoterm above_title\"><a href='https:\/\/www.dmsjuridica.com\/buscador_20179478954\/corteconstitucionalcronologico202454587\/category\/buscar-en-toda-la-corte\/1997\/tutelas-1997\/' title='Tutelas 1997' class='pt-cv-tax-tutelas-1997'>Tutelas 1997<\/a><\/div>\n<h4 class=\"pt-cv-title\"><a href=\"https:\/\/www.dmsjuridica.com\/buscador_20179478954\/corteconstitucionalcronologico202454587\/t-215-97\/\" class=\"_self\" target=\"_self\" >T 215 97<\/a><\/h4>\n<div class=\"pt-cv-content\">T-215-97 Sentencia T-215\/97 INSTITUCION UNIVERSITARIA-Diligencia para reingreso y culminaci\u00f3n de especializaci\u00f3n Es indudable que al actor se le dio un trato diferente al que recibieron los otros alumnos de cirug\u00eda; pero, es que sus situaciones tambi\u00e9n difieren: unos son alumnos regulares, y el actor es de reingreso. Como los cupos previstos s\u00f3lo alcanzan para las rotaciones de los estudiantes regulares, para el de reingreso, la Universidad pod\u00eda esperar a que se produjera una vacante \u00f3 buscarle cabida en otra instituci\u00f3n. La universidad ha puesto todo su empe\u00f1o y esfuerzo para que el actor culmine la especializaci\u00f3n y, por lo tanto, ...<br \/><div class=\"pt-cv-rmwrap\"><a href=\"https:\/\/www.dmsjuridica.com\/buscador_20179478954\/corteconstitucionalcronologico202454587\/t-215-97\/\" class=\"_self pt-cv-readmore btn btn-success\" target=\"_self\">Ver Sentencia Completa...<\/a><\/div><\/div><\/div><\/div>\n<div class=\"col-md-12 col-sm-12 col-xs-12 pt-cv-content-item pt-cv-1-col\" ><div class='pt-cv-ifield'><a href=\"https:\/\/www.dmsjuridica.com\/buscador_20179478954\/corteconstitucionalcronologico202454587\/t-214-97\/\" class=\"_self pt-cv-href-thumbnail pt-cv-thumb-default\" target=\"_self\" ><\/a>\n<div class=\"pt-cv-taxoterm above_title\"><a href='https:\/\/www.dmsjuridica.com\/buscador_20179478954\/corteconstitucionalcronologico202454587\/category\/buscar-en-toda-la-corte\/1997\/tutelas-1997\/' title='Tutelas 1997' class='pt-cv-tax-tutelas-1997'>Tutelas 1997<\/a><\/div>\n<h4 class=\"pt-cv-title\"><a href=\"https:\/\/www.dmsjuridica.com\/buscador_20179478954\/corteconstitucionalcronologico202454587\/t-214-97\/\" class=\"_self\" target=\"_self\" >T 214 97<\/a><\/h4>\n<div class=\"pt-cv-content\">T-214-97 Sentencia T-214\/97 TRASLADO DE INTERNO-Discrecionalidad sujeta a preceptos fundamentales La discrecionalidad legal en la toma de decisiones impide en principio que el Juez de tutela tome partido en favor de una opci\u00f3n, como ser\u00eda la de traslado del preso. Pero, eso no quiere decir que no tenga competencia el Juez constitucional para ordenar que sean tenidos en cuenta determinados derechos fundamentales que al ser omitidos en el estudio de la petici\u00f3n de traslado obliga a protecci\u00f3n por medio de acci\u00f3n de tutela. MEDICINA ALTERNATIVA PARA RECLUSO INDIGENA-Ponderaci\u00f3n de circunstancias\/AUTONOMIA-Escogencia de tratamiento m\u00e9dico\/TRASLADO DE RECLUSO INDIGENA-Ponderaci\u00f3n de circunstancias en enfermo ...<br \/><div class=\"pt-cv-rmwrap\"><a href=\"https:\/\/www.dmsjuridica.com\/buscador_20179478954\/corteconstitucionalcronologico202454587\/t-214-97\/\" class=\"_self pt-cv-readmore btn btn-success\" target=\"_self\">Ver Sentencia Completa...<\/a><\/div><\/div><\/div><\/div>\n<div class=\"col-md-12 col-sm-12 col-xs-12 pt-cv-content-item pt-cv-1-col\" ><div class='pt-cv-ifield'><a href=\"https:\/\/www.dmsjuridica.com\/buscador_20179478954\/corteconstitucionalcronologico202454587\/t-207-97\/\" class=\"_self pt-cv-href-thumbnail pt-cv-thumb-default\" target=\"_self\" ><\/a>\n<div class=\"pt-cv-taxoterm above_title\"><a href='https:\/\/www.dmsjuridica.com\/buscador_20179478954\/corteconstitucionalcronologico202454587\/category\/buscar-en-toda-la-corte\/1997\/tutelas-1997\/' title='Tutelas 1997' class='pt-cv-tax-tutelas-1997'>Tutelas 1997<\/a><\/div>\n<h4 class=\"pt-cv-title\"><a href=\"https:\/\/www.dmsjuridica.com\/buscador_20179478954\/corteconstitucionalcronologico202454587\/t-207-97\/\" class=\"_self\" target=\"_self\" >T 207 97<\/a><\/h4>\n<div class=\"pt-cv-content\">T-207-97 23 Sentencia T-207\/97 -Titularidad La acci\u00f3n de tutela, dada su naturaleza subsidiaria, no procede, en principio, para obtener el pago de deudas que han surgido de las relaciones laborales, pues el ordenamiento jur\u00eddico prev\u00e9 las pertinentes v\u00edas ordinarias para satisfacer este tipo de pretensiones. DERECHO DE PETICION-Motivos de inter\u00e9s general\/DERECHO DE PETICION-Motivos de inter\u00e9s particular\/ABOGADO-Peticiones En lo relativo a las finalidades que puede perseguir quien se dirige respetuosamente a la autoridad p\u00fablica, y en su caso a los particulares, invocando el art\u00edculo 23 de la Constituci\u00f3n, cabe distinguir, como lo hace la propia Carta, entre los motivos de inter\u00e9s ...<br \/><div class=\"pt-cv-rmwrap\"><a href=\"https:\/\/www.dmsjuridica.com\/buscador_20179478954\/corteconstitucionalcronologico202454587\/t-207-97\/\" class=\"_self pt-cv-readmore btn btn-success\" target=\"_self\">Ver Sentencia Completa...<\/a><\/div><\/div><\/div><\/div>\n<div class=\"col-md-12 col-sm-12 col-xs-12 pt-cv-content-item pt-cv-1-col\" ><div class='pt-cv-ifield'><a href=\"https:\/\/www.dmsjuridica.com\/buscador_20179478954\/corteconstitucionalcronologico202454587\/t-206-97\/\" class=\"_self pt-cv-href-thumbnail pt-cv-thumb-default\" target=\"_self\" ><\/a>\n<div class=\"pt-cv-taxoterm above_title\"><a href='https:\/\/www.dmsjuridica.com\/buscador_20179478954\/corteconstitucionalcronologico202454587\/category\/buscar-en-toda-la-corte\/1997\/tutelas-1997\/' title='Tutelas 1997' class='pt-cv-tax-tutelas-1997'>Tutelas 1997<\/a><\/div>\n<h4 class=\"pt-cv-title\"><a href=\"https:\/\/www.dmsjuridica.com\/buscador_20179478954\/corteconstitucionalcronologico202454587\/t-206-97\/\" class=\"_self\" target=\"_self\" >T 206 97<\/a><\/h4>\n<div class=\"pt-cv-content\">T-206-97 Sentencia T-206\/97 DERECHO DE PETICION-Resoluci\u00f3n material La oportuna respuesta exigida como factor integrante e insustituible del derecho de petici\u00f3n debe tocar el fondo mismo del asunto planteado por el peticionario, resolviendo sobre \u00e9l de manera clara y precisa, siempre que la autoridad receptora de la solicitud goce de competencia. Las respuestas evasivas o las simplemente formales, aun producidas en tiempo, no satisfacen el derecho de petici\u00f3n, pues en realidad, mediante ellas, la administraci\u00f3n elude el cumplimiento de su deber y desconoce el principio de eficacia que inspira la funci\u00f3n administrativa. La acci\u00f3n de tutela cabe, no para definir judicialmente ...<br \/><div class=\"pt-cv-rmwrap\"><a href=\"https:\/\/www.dmsjuridica.com\/buscador_20179478954\/corteconstitucionalcronologico202454587\/t-206-97\/\" class=\"_self pt-cv-readmore btn btn-success\" target=\"_self\">Ver Sentencia Completa...<\/a><\/div><\/div><\/div><\/div>\n<div class=\"col-md-12 col-sm-12 col-xs-12 pt-cv-content-item pt-cv-1-col\" ><div class='pt-cv-ifield'><a href=\"https:\/\/www.dmsjuridica.com\/buscador_20179478954\/corteconstitucionalcronologico202454587\/t-205-97\/\" class=\"_self pt-cv-href-thumbnail pt-cv-thumb-default\" target=\"_self\" ><\/a>\n<div class=\"pt-cv-taxoterm above_title\"><a href='https:\/\/www.dmsjuridica.com\/buscador_20179478954\/corteconstitucionalcronologico202454587\/category\/buscar-en-toda-la-corte\/1997\/tutelas-1997\/' title='Tutelas 1997' class='pt-cv-tax-tutelas-1997'>Tutelas 1997<\/a><\/div>\n<h4 class=\"pt-cv-title\"><a href=\"https:\/\/www.dmsjuridica.com\/buscador_20179478954\/corteconstitucionalcronologico202454587\/t-205-97\/\" class=\"_self\" target=\"_self\" >T 205 97<\/a><\/h4>\n<div class=\"pt-cv-content\">T-205-97 Sentencia T-205\/97 DERECHO A PROTECCION-Alcance Hay derecho a protecci\u00f3n cuando un titular de derechos fundamentales le exige al Estado se lo defienda frente a intervenciones injustas de terceros o del propio Estado. Lo cual exige interconexi\u00f3n entre la defensa (acci\u00f3n negativa) y la protecci\u00f3n (acci\u00f3n positiva) . El caso cl\u00e1sico es la protecci\u00f3n a la vida para que no se atente contra ella. Pero como es imposible que una decisi\u00f3n judicial logre a cabalidad la protecci\u00f3n integral de la vida de todos los asociados, se ha entendido que, dej\u00e1ndose de lado la posici\u00f3n de todo o nada, hay una ...<br \/><div class=\"pt-cv-rmwrap\"><a href=\"https:\/\/www.dmsjuridica.com\/buscador_20179478954\/corteconstitucionalcronologico202454587\/t-205-97\/\" class=\"_self pt-cv-readmore btn btn-success\" target=\"_self\">Ver Sentencia Completa...<\/a><\/div><\/div><\/div><\/div>\n<div class=\"col-md-12 col-sm-12 col-xs-12 pt-cv-content-item pt-cv-1-col\" ><div class='pt-cv-ifield'><a href=\"https:\/\/www.dmsjuridica.com\/buscador_20179478954\/corteconstitucionalcronologico202454587\/t-204-97\/\" class=\"_self pt-cv-href-thumbnail pt-cv-thumb-default\" target=\"_self\" ><\/a>\n<div class=\"pt-cv-taxoterm above_title\"><a href='https:\/\/www.dmsjuridica.com\/buscador_20179478954\/corteconstitucionalcronologico202454587\/category\/buscar-en-toda-la-corte\/1997\/tutelas-1997\/' title='Tutelas 1997' class='pt-cv-tax-tutelas-1997'>Tutelas 1997<\/a><\/div>\n<h4 class=\"pt-cv-title\"><a href=\"https:\/\/www.dmsjuridica.com\/buscador_20179478954\/corteconstitucionalcronologico202454587\/t-204-97\/\" class=\"_self\" target=\"_self\" >T 204 97<\/a><\/h4>\n<div class=\"pt-cv-content\">T-204-97 Sentencia T-204\/97 LEGISLADOR-Determinaci\u00f3n procedencia apelaci\u00f3n de autos Trat\u00e1ndose de providencias diferentes a las sentencias, como son los autos o providencias de tr\u00e1mite o interlocutorias, le corresponde al legislador determinar, con base en la facultad que tiene para se\u00f1alar las formas propias de cada juicio, los casos en que procede la apelaci\u00f3n. DEBIDO PROCESO PENAL-Sustentaci\u00f3n de apelaci\u00f3n\/RECURSO DE APELACION EN PENAL-Sustentaci\u00f3n\/VIA DE HECHO EN RECURSO DE APELACION EN PENAL-Debida sustentaci\u00f3n con base en razones de escrito anterior Las normas procesales penales que han desarrollado las formas propias del debido proceso, con arreglo al marco constitucional, exigen la sustentaci\u00f3n del recurso ...<br \/><div class=\"pt-cv-rmwrap\"><a href=\"https:\/\/www.dmsjuridica.com\/buscador_20179478954\/corteconstitucionalcronologico202454587\/t-204-97\/\" class=\"_self pt-cv-readmore btn btn-success\" target=\"_self\">Ver Sentencia Completa...<\/a><\/div><\/div><\/div><\/div>\n<div class=\"col-md-12 col-sm-12 col-xs-12 pt-cv-content-item pt-cv-1-col\" ><div class='pt-cv-ifield'><a href=\"https:\/\/www.dmsjuridica.com\/buscador_20179478954\/corteconstitucionalcronologico202454587\/t-203-97\/\" class=\"_self pt-cv-href-thumbnail pt-cv-thumb-default\" target=\"_self\" ><\/a>\n<div class=\"pt-cv-taxoterm above_title\"><a href='https:\/\/www.dmsjuridica.com\/buscador_20179478954\/corteconstitucionalcronologico202454587\/category\/buscar-en-toda-la-corte\/1997\/tutelas-1997\/' title='Tutelas 1997' class='pt-cv-tax-tutelas-1997'>Tutelas 1997<\/a><\/div>\n<h4 class=\"pt-cv-title\"><a href=\"https:\/\/www.dmsjuridica.com\/buscador_20179478954\/corteconstitucionalcronologico202454587\/t-203-97\/\" class=\"_self\" target=\"_self\" >T 203 97<\/a><\/h4>\n<div class=\"pt-cv-content\">T-203-97 Sentencia T-203\/97 ACCION DE TUTELA CONTRA PARTICULARES-Ruido de establecimiento musical\/INDEFENSION-Inactividad de autoridad administrativa Los peticionarios enviaron sendas comunicaciones a los inspectores de polic\u00eda, en las que solicitaron su colaboraci\u00f3n para poder solucionar el problema, sin que hasta el momento se haya obtenido resultado alguno. Lo anterior, permite dedudir que se ha acudido a las autoridades administrativas competentes para solicitar la protecci\u00f3n de su derecho a la tranquilidad, con el fin de que el establecimiento accionado se abstenga de seguir vulner\u00e1ndolo, sin que estos medios hayan sido efectivos, por la inactividad o ineficacia de estas autoridades p\u00fablicas, lo que los ...<br \/><div class=\"pt-cv-rmwrap\"><a href=\"https:\/\/www.dmsjuridica.com\/buscador_20179478954\/corteconstitucionalcronologico202454587\/t-203-97\/\" class=\"_self pt-cv-readmore btn btn-success\" target=\"_self\">Ver Sentencia Completa...<\/a><\/div><\/div><\/div><\/div>\n<div class=\"col-md-12 col-sm-12 col-xs-12 pt-cv-content-item pt-cv-1-col\" ><div class='pt-cv-ifield'><a href=\"https:\/\/www.dmsjuridica.com\/buscador_20179478954\/corteconstitucionalcronologico202454587\/t-202-97\/\" class=\"_self pt-cv-href-thumbnail pt-cv-thumb-default\" target=\"_self\" ><\/a>\n<div class=\"pt-cv-taxoterm above_title\"><a href='https:\/\/www.dmsjuridica.com\/buscador_20179478954\/corteconstitucionalcronologico202454587\/category\/buscar-en-toda-la-corte\/1997\/tutelas-1997\/' title='Tutelas 1997' class='pt-cv-tax-tutelas-1997'>Tutelas 1997<\/a><\/div>\n<h4 class=\"pt-cv-title\"><a href=\"https:\/\/www.dmsjuridica.com\/buscador_20179478954\/corteconstitucionalcronologico202454587\/t-202-97\/\" class=\"_self\" target=\"_self\" >T 202 97<\/a><\/h4>\n<div class=\"pt-cv-content\">T-202-97 Sentencia T-202\/97 ACCION DE TUTELA CONTRA PARTICULARES\/SUBORDINACION EN CONTRATO DE TRABAJO Como quiera que entre los demandantes y el demandado existe una vinculaci\u00f3n de orden laboral, la subordinaci\u00f3n constituye presupuesto esencial dentro de los contratos de trabajo. En consecuencia, nos encontramos ante la hip\u00f3tesis de viabilidad jur\u00eddica de este mecanismo constitucional entre particulares; por lo tanto, los peticionarios si pod\u00edan incoar la acci\u00f3n contra su patrono. SISTEMA DE SEGURIDAD SOCIAL EN SALUD-No suministro de aportes descontados por empleador\/DERECHO A LA SALUD-Mora en pago de aportes patronales La empresa demandada viene descontando de los salarios de los actores los aportes ...<br \/><div class=\"pt-cv-rmwrap\"><a href=\"https:\/\/www.dmsjuridica.com\/buscador_20179478954\/corteconstitucionalcronologico202454587\/t-202-97\/\" class=\"_self pt-cv-readmore btn btn-success\" target=\"_self\">Ver Sentencia Completa...<\/a><\/div><\/div><\/div><\/div>\n<div class=\"col-md-12 col-sm-12 col-xs-12 pt-cv-content-item pt-cv-1-col\" ><div class='pt-cv-ifield'><a href=\"https:\/\/www.dmsjuridica.com\/buscador_20179478954\/corteconstitucionalcronologico202454587\/t-201-97\/\" class=\"_self pt-cv-href-thumbnail pt-cv-thumb-default\" target=\"_self\" ><\/a>\n<div class=\"pt-cv-taxoterm above_title\"><a href='https:\/\/www.dmsjuridica.com\/buscador_20179478954\/corteconstitucionalcronologico202454587\/category\/buscar-en-toda-la-corte\/1997\/tutelas-1997\/' title='Tutelas 1997' class='pt-cv-tax-tutelas-1997'>Tutelas 1997<\/a><\/div>\n<h4 class=\"pt-cv-title\"><a href=\"https:\/\/www.dmsjuridica.com\/buscador_20179478954\/corteconstitucionalcronologico202454587\/t-201-97\/\" class=\"_self\" target=\"_self\" >T 201 97<\/a><\/h4>\n<div class=\"pt-cv-content\">T-201-97 Sentencia T-201\/97 CONSULTA-Grado de jurisdicci\u00f3n\/PRINCIPIO NO REFORMATIO IN PEJUS-Inoperancia en grado de consulta\/CONSULTA-Agravaci\u00f3n situaci\u00f3n del imputado La consulta es un grado de jurisdicci\u00f3n que, por ope legis, le otorga al Ad-quem competencia para conocer determinados fallos del A-quo, pudiendo el primero confirmar, modificar o revocar la sentencia de primera instancia. La competencia en grado de jurisdicci\u00f3n de consulta no se encuentra limitada por el principio de la no \"reformatio in pejus\", pues el hecho de no ser un recurso y operar por mandato de la ley, le permite al superior decidir sin limitaci\u00f3n alguna sobre la providencia consultada. Como ...<br \/><div class=\"pt-cv-rmwrap\"><a href=\"https:\/\/www.dmsjuridica.com\/buscador_20179478954\/corteconstitucionalcronologico202454587\/t-201-97\/\" class=\"_self pt-cv-readmore btn btn-success\" target=\"_self\">Ver Sentencia Completa...<\/a><\/div><\/div><\/div><\/div>\n<div class=\"col-md-12 col-sm-12 col-xs-12 pt-cv-content-item pt-cv-1-col\" ><div class='pt-cv-ifield'><a href=\"https:\/\/www.dmsjuridica.com\/buscador_20179478954\/corteconstitucionalcronologico202454587\/t-194-97\/\" class=\"_self pt-cv-href-thumbnail pt-cv-thumb-default\" target=\"_self\" ><\/a>\n<div class=\"pt-cv-taxoterm above_title\"><a href='https:\/\/www.dmsjuridica.com\/buscador_20179478954\/corteconstitucionalcronologico202454587\/category\/buscar-en-toda-la-corte\/1997\/tutelas-1997\/' title='Tutelas 1997' class='pt-cv-tax-tutelas-1997'>Tutelas 1997<\/a><\/div>\n<h4 class=\"pt-cv-title\"><a href=\"https:\/\/www.dmsjuridica.com\/buscador_20179478954\/corteconstitucionalcronologico202454587\/t-194-97\/\" class=\"_self\" target=\"_self\" >T 194 97<\/a><\/h4>\n<div class=\"pt-cv-content\">T-194-97 Sentencia T-194\/97 ACCION DE TUTELA CONTRA PROVIDENCIAS JUDICIALES-Improcedencia general\/ACCION DE TUTELA CONTRA PROVIDENCIAS JUDICIALES-Procedencia excepcional Seg\u00fan la regla general, la tutela no procede en contra de las providencias judiciales; pero, por excepci\u00f3n, s\u00ed procede cuando el funcionario judicial incurri\u00f3 en una v\u00eda de hecho al proferirla. Las acciones de tutela incoadas contra providencias no deben ser rechazadas in l\u00edmine, sin consideraci\u00f3n diferente a que se dirige contra una decisi\u00f3n judicial; el juez de tutela debe examinar la actuaci\u00f3n del funcionario demandado, y pronunciarse razonadamente sobre si su actuaci\u00f3n constituye o no una v\u00eda de hecho, puesto que ese pronunciamiento ...<br \/><div class=\"pt-cv-rmwrap\"><a href=\"https:\/\/www.dmsjuridica.com\/buscador_20179478954\/corteconstitucionalcronologico202454587\/t-194-97\/\" class=\"_self pt-cv-readmore btn btn-success\" target=\"_self\">Ver Sentencia Completa...<\/a><\/div><\/div><\/div><\/div>\n<div class=\"col-md-12 col-sm-12 col-xs-12 pt-cv-content-item pt-cv-1-col\" ><div class='pt-cv-ifield'><a href=\"https:\/\/www.dmsjuridica.com\/buscador_20179478954\/corteconstitucionalcronologico202454587\/t-193-97\/\" class=\"_self pt-cv-href-thumbnail pt-cv-thumb-default\" target=\"_self\" ><\/a>\n<div class=\"pt-cv-taxoterm above_title\"><a href='https:\/\/www.dmsjuridica.com\/buscador_20179478954\/corteconstitucionalcronologico202454587\/category\/buscar-en-toda-la-corte\/1997\/tutelas-1997\/' title='Tutelas 1997' class='pt-cv-tax-tutelas-1997'>Tutelas 1997<\/a><\/div>\n<h4 class=\"pt-cv-title\"><a href=\"https:\/\/www.dmsjuridica.com\/buscador_20179478954\/corteconstitucionalcronologico202454587\/t-193-97\/\" class=\"_self\" target=\"_self\" >T 193 97<\/a><\/h4>\n<div class=\"pt-cv-content\">T-193-97 Sentencia T-193\/97 ACCION DE TUTELA-Improcedencia general pago de acreencias laborales\/ACCION DE TUTELA-Procedencia excepcional pago de acreencias laborales La regla general es que la tutela no procede cuando se trata de liquidaci\u00f3n o pago de prestaciones sociales, y las excepciones han de ser estudiadas por el juez de tutela, teniendo en cuenta los derechos fundamentales violados en el caso particular, el perjuicio irremediable que se pudo causar con tal vulneraci\u00f3n, la situaci\u00f3n en que se encuentra el actor, y la efectividad del mecanismo alterno de defensa judicial para la protecci\u00f3n plena de los derechos fundamentales afectados. PROCESO EJECUTIVO LABORAL-Pago de ...<br \/><div class=\"pt-cv-rmwrap\"><a href=\"https:\/\/www.dmsjuridica.com\/buscador_20179478954\/corteconstitucionalcronologico202454587\/t-193-97\/\" class=\"_self pt-cv-readmore btn btn-success\" target=\"_self\">Ver Sentencia Completa...<\/a><\/div><\/div><\/div><\/div>\n<div class=\"col-md-12 col-sm-12 col-xs-12 pt-cv-content-item pt-cv-1-col\" ><div class='pt-cv-ifield'><a href=\"https:\/\/www.dmsjuridica.com\/buscador_20179478954\/corteconstitucionalcronologico202454587\/t-191-97\/\" class=\"_self pt-cv-href-thumbnail pt-cv-thumb-default\" target=\"_self\" ><\/a>\n<div class=\"pt-cv-taxoterm above_title\"><a href='https:\/\/www.dmsjuridica.com\/buscador_20179478954\/corteconstitucionalcronologico202454587\/category\/buscar-en-toda-la-corte\/1997\/tutelas-1997\/' title='Tutelas 1997' class='pt-cv-tax-tutelas-1997'>Tutelas 1997<\/a><\/div>\n<h4 class=\"pt-cv-title\"><a href=\"https:\/\/www.dmsjuridica.com\/buscador_20179478954\/corteconstitucionalcronologico202454587\/t-191-97\/\" class=\"_self\" target=\"_self\" >T 191 97<\/a><\/h4>\n<div class=\"pt-cv-content\">T-191-97 Sentencia T-191\/97 MUNICIPIO-Titular de derecho fundamental La acci\u00f3n de tutela fue promovida por una persona jur\u00eddica de derecho p\u00fablico, a trav\u00e9s de representante, la que a la luz de la jurisprudencia de la Corte Constitucional est\u00e1 legitimada para ejercerla, dado que su objeto consiste en solicitar la protecci\u00f3n del derecho fundamental del debido proceso. PRINCIPIO DE AUTONOMIA FUNCIONAL DEL JUEZ-Interpretaci\u00f3n legal\/ACCION DE TUTELA-Improcedencia sobre interpretaciones legales El planteamiento bajo el cual el representante judicial del municipio sustenta la violaci\u00f3n del derecho fundamental al debido proceso, alegando que se configur\u00f3 una \"v\u00eda de hecho\" al adoptar la decisi\u00f3n de anular ...<br \/><div class=\"pt-cv-rmwrap\"><a href=\"https:\/\/www.dmsjuridica.com\/buscador_20179478954\/corteconstitucionalcronologico202454587\/t-191-97\/\" class=\"_self pt-cv-readmore btn btn-success\" target=\"_self\">Ver Sentencia Completa...<\/a><\/div><\/div><\/div><\/div>\n<div class=\"col-md-12 col-sm-12 col-xs-12 pt-cv-content-item pt-cv-1-col\" ><div class='pt-cv-ifield'><a href=\"https:\/\/www.dmsjuridica.com\/buscador_20179478954\/corteconstitucionalcronologico202454587\/t-190-97\/\" class=\"_self pt-cv-href-thumbnail pt-cv-thumb-default\" target=\"_self\" ><\/a>\n<div class=\"pt-cv-taxoterm above_title\"><a href='https:\/\/www.dmsjuridica.com\/buscador_20179478954\/corteconstitucionalcronologico202454587\/category\/buscar-en-toda-la-corte\/1997\/tutelas-1997\/' title='Tutelas 1997' class='pt-cv-tax-tutelas-1997'>Tutelas 1997<\/a><\/div>\n<h4 class=\"pt-cv-title\"><a href=\"https:\/\/www.dmsjuridica.com\/buscador_20179478954\/corteconstitucionalcronologico202454587\/t-190-97\/\" class=\"_self\" target=\"_self\" >T 190 97<\/a><\/h4>\n<div class=\"pt-cv-content\">T-190-97 Sentencia T-190\/97 DERECHO A LA SALUD-Contenido prestacional \"El derecho a la salud, comprendido dentro del cat\u00e1logo de los derechos sociales, econ\u00f3micos y culturales tiene en la Constituci\u00f3n un contenido evidentemente prestacional, pues al deber correlativo que tiene toda persona de 'procurar el cuidado integral de su salud y la de su comunidad', se encuentra el del Estado de garantizar su cumplimiento, a trav\u00e9s del correspondiente sistema de servicios, mediante el suministro de prestaciones concretas en materia de salud\". TRASLADO DE INTERNO-Programaci\u00f3n de atenci\u00f3n m\u00e9dica Referencia: Expediente T-115895 Accionante: Carlos Arturo D\u00edaz Numpaque. Procedencia: Juzgado diecisiete civil del circuito de ...<br \/><div class=\"pt-cv-rmwrap\"><a href=\"https:\/\/www.dmsjuridica.com\/buscador_20179478954\/corteconstitucionalcronologico202454587\/t-190-97\/\" class=\"_self pt-cv-readmore btn btn-success\" target=\"_self\">Ver Sentencia Completa...<\/a><\/div><\/div><\/div><\/div>\n<div class=\"col-md-12 col-sm-12 col-xs-12 pt-cv-content-item pt-cv-1-col\" ><div class='pt-cv-ifield'><a href=\"https:\/\/www.dmsjuridica.com\/buscador_20179478954\/corteconstitucionalcronologico202454587\/t-189-97\/\" class=\"_self pt-cv-href-thumbnail pt-cv-thumb-default\" target=\"_self\" ><\/a>\n<div class=\"pt-cv-taxoterm above_title\"><a href='https:\/\/www.dmsjuridica.com\/buscador_20179478954\/corteconstitucionalcronologico202454587\/category\/buscar-en-toda-la-corte\/1997\/tutelas-1997\/' title='Tutelas 1997' class='pt-cv-tax-tutelas-1997'>Tutelas 1997<\/a><\/div>\n<h4 class=\"pt-cv-title\"><a href=\"https:\/\/www.dmsjuridica.com\/buscador_20179478954\/corteconstitucionalcronologico202454587\/t-189-97\/\" class=\"_self\" target=\"_self\" >T 189 97<\/a><\/h4>\n<div class=\"pt-cv-content\">T-189-97 Sentencia T-189\/97 DERECHO DE PETICION-Sustracci\u00f3n de materia Referencia: Expediente T-113600 Peticionaria: Libia Arbela\u00e9z de Obando Procedencia: Juzgado Sexto Laboral de Medell\u00edn Magistrado Ponente: Dr. ALEJANDRO MARTINEZ CABALLERO Santa Fe de Bogot\u00e1 D.C., diez (10) de abril de mil novecientos noventa y siete (1997). La Sala S\u00e9ptima de Revisi\u00f3n de la Corte Constitucional, integrada por los Magistrados Alejandro Mart\u00ednez Caballero, Fabio Mor\u00f3n D\u00edaz y Vladimiro Naranjo Mesa, EN NOMBRE DEL PUEBLO Y POR MANDATO DE LA CONSTITUCION Ha pronunciado la siguiente SENTENCIA En el proceso de tutela identificado con el n\u00famero de radicaci\u00f3n T-113600 adelantado por Libia Arbela\u00e9z de Orlando, ...<br \/><div class=\"pt-cv-rmwrap\"><a href=\"https:\/\/www.dmsjuridica.com\/buscador_20179478954\/corteconstitucionalcronologico202454587\/t-189-97\/\" class=\"_self pt-cv-readmore btn btn-success\" target=\"_self\">Ver Sentencia Completa...<\/a><\/div><\/div><\/div><\/div>\n<div class=\"col-md-12 col-sm-12 col-xs-12 pt-cv-content-item pt-cv-1-col\" ><div class='pt-cv-ifield'><a href=\"https:\/\/www.dmsjuridica.com\/buscador_20179478954\/corteconstitucionalcronologico202454587\/t-188-97\/\" class=\"_self pt-cv-href-thumbnail pt-cv-thumb-default\" target=\"_self\" ><\/a>\n<div class=\"pt-cv-taxoterm above_title\"><a href='https:\/\/www.dmsjuridica.com\/buscador_20179478954\/corteconstitucionalcronologico202454587\/category\/buscar-en-toda-la-corte\/1997\/tutelas-1997\/' title='Tutelas 1997' class='pt-cv-tax-tutelas-1997'>Tutelas 1997<\/a><\/div>\n<h4 class=\"pt-cv-title\"><a href=\"https:\/\/www.dmsjuridica.com\/buscador_20179478954\/corteconstitucionalcronologico202454587\/t-188-97\/\" class=\"_self\" target=\"_self\" >T 188 97<\/a><\/h4>\n<div class=\"pt-cv-content\">T-188-97 Sentencia T-188\/97 SILENCIO ADMINISTRATIVO NEGATIVO-Resoluci\u00f3n de solicitudes\/DERECHO DE PETICION-Pronta resoluci\u00f3n El silencio administrativo no remedia la violaci\u00f3n del derecho fundamental del petente a \"obtener pronta resoluci\u00f3n\", s\u00f3lo hace inobjetable la afirmaci\u00f3n de que tal violaci\u00f3n existe, y el deber del juez de tutela en esos casos es proferir la orden para que la autoridad morosa resuelva sobre el fondo de la petici\u00f3n desatendida en un plazo perentorio. Referencia: Expediente T-116712 Acci\u00f3n de tutela en contra de la Caja Nacional de Previsi\u00f3n Social por violaci\u00f3n del derecho de petici\u00f3n. Temas: Ratificaci\u00f3n de la Jurisprudencia Derecho de petici\u00f3n. Actor : Marcos ...<br \/><div class=\"pt-cv-rmwrap\"><a href=\"https:\/\/www.dmsjuridica.com\/buscador_20179478954\/corteconstitucionalcronologico202454587\/t-188-97\/\" class=\"_self pt-cv-readmore btn btn-success\" target=\"_self\">Ver Sentencia Completa...<\/a><\/div><\/div><\/div><\/div>\n<div class=\"col-md-12 col-sm-12 col-xs-12 pt-cv-content-item pt-cv-1-col\" ><div class='pt-cv-ifield'><a href=\"https:\/\/www.dmsjuridica.com\/buscador_20179478954\/corteconstitucionalcronologico202454587\/t-175-97\/\" class=\"_self pt-cv-href-thumbnail pt-cv-thumb-default\" target=\"_self\" ><\/a>\n<div class=\"pt-cv-taxoterm above_title\"><a href='https:\/\/www.dmsjuridica.com\/buscador_20179478954\/corteconstitucionalcronologico202454587\/category\/buscar-en-toda-la-corte\/1997\/tutelas-1997\/' title='Tutelas 1997' class='pt-cv-tax-tutelas-1997'>Tutelas 1997<\/a><\/div>\n<h4 class=\"pt-cv-title\"><a href=\"https:\/\/www.dmsjuridica.com\/buscador_20179478954\/corteconstitucionalcronologico202454587\/t-175-97\/\" class=\"_self\" target=\"_self\" >T 175 97<\/a><\/h4>\n<div class=\"pt-cv-content\">T-175-97 Sentencia T-175\/97 DOCTRINA CONSTITUCIONAL EN TUTELA-Casos id\u00e9nticos\/REVISION FALLO DE TUTELA-Raz\u00f3n y fundamento\/REVISION FALLO DE TUTELA-Casos id\u00e9nticos Las sentencias de revisi\u00f3n pronunciadas por la Corte Constitucional, cuando interpretan el ordenamiento fundamental, construyen tambi\u00e9n doctrina constitucional que debe ser acatada por los jueces, a falta de disposici\u00f3n legal expresa, al resolver sobre casos iguales a aqu\u00e9llos que dieron lugar a la interpretaci\u00f3n efectuada. No podr\u00eda sustraerse tal funci\u00f3n, que busca espec\u00edficamente preservar el genuino alcance de la Carta Pol\u00edtica en materia de derechos fundamentales, de la b\u00e1sica y gen\u00e9rica responsabilidad de la Corte. El control de constitucionalidad admite, (art. 241), modalidades ...<br \/><div class=\"pt-cv-rmwrap\"><a href=\"https:\/\/www.dmsjuridica.com\/buscador_20179478954\/corteconstitucionalcronologico202454587\/t-175-97\/\" class=\"_self pt-cv-readmore btn btn-success\" target=\"_self\">Ver Sentencia Completa...<\/a><\/div><\/div><\/div><\/div>\n<div class=\"col-md-12 col-sm-12 col-xs-12 pt-cv-content-item pt-cv-1-col\" ><div class='pt-cv-ifield'><a href=\"https:\/\/www.dmsjuridica.com\/buscador_20179478954\/corteconstitucionalcronologico202454587\/t-174-97\/\" class=\"_self pt-cv-href-thumbnail pt-cv-thumb-default\" target=\"_self\" ><\/a>\n<div class=\"pt-cv-taxoterm above_title\"><a href='https:\/\/www.dmsjuridica.com\/buscador_20179478954\/corteconstitucionalcronologico202454587\/category\/buscar-en-toda-la-corte\/1997\/tutelas-1997\/' title='Tutelas 1997' class='pt-cv-tax-tutelas-1997'>Tutelas 1997<\/a><\/div>\n<h4 class=\"pt-cv-title\"><a href=\"https:\/\/www.dmsjuridica.com\/buscador_20179478954\/corteconstitucionalcronologico202454587\/t-174-97\/\" class=\"_self\" target=\"_self\" >T 174 97<\/a><\/h4>\n<div class=\"pt-cv-content\">T-174-97 Sentencia T-174\/97 DERECHO AL TRABAJO EN CONDICIONES DIGNAS Y JUSTAS El trabajo se preserva por la normativa constitucional \"en condiciones dignas y justas\", es decir, sobre el supuesto de que quien aporta su esfuerzo a cambio de la remuneraci\u00f3n es un ser humano, que constituye finalidad y prop\u00f3sito de la organizaci\u00f3n pol\u00edtica, del orden jur\u00eddico y de las autoridades, y jam\u00e1s un medio ni un instrumento para alcanzar otros fines, sean ellos particulares o p\u00fablicos. TRABAJO-Debe ser remunerado\/SALARIO-Inalienabilidad\/PRINCIPIO DE PRIMACIA DE REALIDAD SOBRE FORMALIDADES ESTABLECIDAS POR SUJETOS DE RELACIONES LABORALES Es propio de la dignidad en que debe desenvolverse ...<br \/><div class=\"pt-cv-rmwrap\"><a href=\"https:\/\/www.dmsjuridica.com\/buscador_20179478954\/corteconstitucionalcronologico202454587\/t-174-97\/\" class=\"_self pt-cv-readmore btn btn-success\" target=\"_self\">Ver Sentencia Completa...<\/a><\/div><\/div><\/div><\/div>\n<div class=\"col-md-12 col-sm-12 col-xs-12 pt-cv-content-item pt-cv-1-col\" ><div class='pt-cv-ifield'><a href=\"https:\/\/www.dmsjuridica.com\/buscador_20179478954\/corteconstitucionalcronologico202454587\/t-173-97\/\" class=\"_self pt-cv-href-thumbnail pt-cv-thumb-default\" target=\"_self\" ><\/a>\n<div class=\"pt-cv-taxoterm above_title\"><a href='https:\/\/www.dmsjuridica.com\/buscador_20179478954\/corteconstitucionalcronologico202454587\/category\/buscar-en-toda-la-corte\/1997\/tutelas-1997\/' title='Tutelas 1997' class='pt-cv-tax-tutelas-1997'>Tutelas 1997<\/a><\/div>\n<h4 class=\"pt-cv-title\"><a href=\"https:\/\/www.dmsjuridica.com\/buscador_20179478954\/corteconstitucionalcronologico202454587\/t-173-97\/\" class=\"_self\" target=\"_self\" >T 173 97<\/a><\/h4>\n<div class=\"pt-cv-content\">T-173-97 Sentencia T-173\/97 ACCION DE TUTELA-Improcedencia sobre actuaci\u00f3n administrativa concluida\/CORPORACION AUTONOMA REGIONAL DE SANTANDER-Notificaci\u00f3n apertura de investigaci\u00f3n El demandante intervino dentro de las actuaciones administrativas y tuvo pleno conocimiento de ellas, hasta el punto que le fue notificado personalmente el acto administrativo que le impuso la sanci\u00f3n y contra el mismo interpuso el recurso de reposici\u00f3n. Aunque sostiene que no se le notific\u00f3 la apertura de la investigaci\u00f3n, la realidad procesal muestra que ten\u00eda conocimiento de la misma, como lo revelan las variadas intervenciones que realiz\u00f3 en las diferentes diligencias y actuaciones que surtieron dentro de los procesos gubernativos. Nunca ...<br \/><div class=\"pt-cv-rmwrap\"><a href=\"https:\/\/www.dmsjuridica.com\/buscador_20179478954\/corteconstitucionalcronologico202454587\/t-173-97\/\" class=\"_self pt-cv-readmore btn btn-success\" target=\"_self\">Ver Sentencia Completa...<\/a><\/div><\/div><\/div><\/div>\n<div class=\"col-md-12 col-sm-12 col-xs-12 pt-cv-content-item pt-cv-1-col\" ><div class='pt-cv-ifield'><a href=\"https:\/\/www.dmsjuridica.com\/buscador_20179478954\/corteconstitucionalcronologico202454587\/t-172-97\/\" class=\"_self pt-cv-href-thumbnail pt-cv-thumb-default\" target=\"_self\" ><\/a>\n<div class=\"pt-cv-taxoterm above_title\"><a href='https:\/\/www.dmsjuridica.com\/buscador_20179478954\/corteconstitucionalcronologico202454587\/category\/buscar-en-toda-la-corte\/1997\/tutelas-1997\/' title='Tutelas 1997' class='pt-cv-tax-tutelas-1997'>Tutelas 1997<\/a><\/div>\n<h4 class=\"pt-cv-title\"><a href=\"https:\/\/www.dmsjuridica.com\/buscador_20179478954\/corteconstitucionalcronologico202454587\/t-172-97\/\" class=\"_self\" target=\"_self\" >T 172 97<\/a><\/h4>\n<div class=\"pt-cv-content\">T-172-97 Sentencia T-172\/97 ACCION DE TUTELA CONTRA PARTICULARES\/SUBORDINACION-Definici\u00f3n Hace relaci\u00f3n a la situaci\u00f3n en que se encuentra una persona, cuando tiene la obligaci\u00f3n jur\u00eddica de acatar las \u00f3rdenes que le imparta un tercero, como consecuencia de pertenecer ambas partes a cierta estructura jer\u00e1rquica predeterminada por un contrato o una norma jur\u00eddica. SUBORDINACION EN CONTRATO DE TRABAJO-Lapso de vigencia La relaci\u00f3n de subordinaci\u00f3n que se desprende del contrato de trabajo, cobija tan s\u00f3lo el lapso de la vigencia del mismo. No se extiende ni al tiempo anterior al contrato, ni tampoco al tiempo subsiguiente al mismo. De igual manera, terminado por ...<br \/><div class=\"pt-cv-rmwrap\"><a href=\"https:\/\/www.dmsjuridica.com\/buscador_20179478954\/corteconstitucionalcronologico202454587\/t-172-97\/\" class=\"_self pt-cv-readmore btn btn-success\" target=\"_self\">Ver Sentencia Completa...<\/a><\/div><\/div><\/div><\/div>\n<div class=\"col-md-12 col-sm-12 col-xs-12 pt-cv-content-item pt-cv-1-col\" ><div class='pt-cv-ifield'><a href=\"https:\/\/www.dmsjuridica.com\/buscador_20179478954\/corteconstitucionalcronologico202454587\/t-171-97\/\" class=\"_self pt-cv-href-thumbnail pt-cv-thumb-default\" target=\"_self\" ><\/a>\n<div class=\"pt-cv-taxoterm above_title\"><a href='https:\/\/www.dmsjuridica.com\/buscador_20179478954\/corteconstitucionalcronologico202454587\/category\/buscar-en-toda-la-corte\/1997\/tutelas-1997\/' title='Tutelas 1997' class='pt-cv-tax-tutelas-1997'>Tutelas 1997<\/a><\/div>\n<h4 class=\"pt-cv-title\"><a href=\"https:\/\/www.dmsjuridica.com\/buscador_20179478954\/corteconstitucionalcronologico202454587\/t-171-97\/\" class=\"_self\" target=\"_self\" >T 171 97<\/a><\/h4>\n<div class=\"pt-cv-content\">T-171-97 Sentencia T-171\/97 DERECHO A LA SEGURIDAD SOCIAL EN SALUD-Mora en aportes por empresa en concordato \"La empresa, que indebidamente ha retenido y no ha transferido al Instituto de los Seguros Sociales los fondos por concepto de afiliaci\u00f3n, independientemente de que pueda ser impugnada ante los jueces laborales y penales, puede amenazar la vida de los trabajadores que, ante situaciones de peligro a la misma, no puedan contar con el servicio m\u00e9dico que los ampare. \"Dado que la situaci\u00f3n concordataria no es raz\u00f3n para que la empresa suspenda el pago de las cotizaciones al Instituto de los Seguros Sociales, se ...<br \/><div class=\"pt-cv-rmwrap\"><a href=\"https:\/\/www.dmsjuridica.com\/buscador_20179478954\/corteconstitucionalcronologico202454587\/t-171-97\/\" class=\"_self pt-cv-readmore btn btn-success\" target=\"_self\">Ver Sentencia Completa...<\/a><\/div><\/div><\/div><\/div>\n<div class=\"col-md-12 col-sm-12 col-xs-12 pt-cv-content-item pt-cv-1-col\" ><div class='pt-cv-ifield'><a href=\"https:\/\/www.dmsjuridica.com\/buscador_20179478954\/corteconstitucionalcronologico202454587\/t-170-97\/\" class=\"_self pt-cv-href-thumbnail pt-cv-thumb-default\" target=\"_self\" ><\/a>\n<div class=\"pt-cv-taxoterm above_title\"><a href='https:\/\/www.dmsjuridica.com\/buscador_20179478954\/corteconstitucionalcronologico202454587\/category\/buscar-en-toda-la-corte\/1997\/tutelas-1997\/' title='Tutelas 1997' class='pt-cv-tax-tutelas-1997'>Tutelas 1997<\/a><\/div>\n<h4 class=\"pt-cv-title\"><a href=\"https:\/\/www.dmsjuridica.com\/buscador_20179478954\/corteconstitucionalcronologico202454587\/t-170-97\/\" class=\"_self\" target=\"_self\" >T 170 97<\/a><\/h4>\n<div class=\"pt-cv-content\">T-170-97 Sentencia T-170\/97 NOTIFICACION DE SENTENCIAS POR EDICTO\/NOTIFICACION POR CONDUCTA CONCLUYENTE\/DEBIDO PROCESO-Doble notificaci\u00f3n fallo de amparo policivo El fallo no fue recurrido dentro del t\u00e9rmino de ejecutoria. Por regla general, las sentencias se notifican por edicto, excepto, por obvias razones vinculadas al derecho de defensa y la econom\u00eda procesal, si las partes voluntariamente se enteran de ellas personalmente dentro de los tres d\u00edas siguientes a su fecha. Esta norma permite que las partes, si as\u00ed lo quieren, se notifiquen personalmente de los fallos, pero no obliga a la autoridad a intentar ninguna notificaci\u00f3n personal. Esto no constituye negligencia estatal, porque ...<br \/><div class=\"pt-cv-rmwrap\"><a href=\"https:\/\/www.dmsjuridica.com\/buscador_20179478954\/corteconstitucionalcronologico202454587\/t-170-97\/\" class=\"_self pt-cv-readmore btn btn-success\" target=\"_self\">Ver Sentencia Completa...<\/a><\/div><\/div><\/div><\/div>\n<div class=\"col-md-12 col-sm-12 col-xs-12 pt-cv-content-item pt-cv-1-col\" ><div class='pt-cv-ifield'><a href=\"https:\/\/www.dmsjuridica.com\/buscador_20179478954\/corteconstitucionalcronologico202454587\/t-169-97\/\" class=\"_self pt-cv-href-thumbnail pt-cv-thumb-default\" target=\"_self\" ><\/a>\n<div class=\"pt-cv-taxoterm above_title\"><a href='https:\/\/www.dmsjuridica.com\/buscador_20179478954\/corteconstitucionalcronologico202454587\/category\/buscar-en-toda-la-corte\/1997\/tutelas-1997\/' title='Tutelas 1997' class='pt-cv-tax-tutelas-1997'>Tutelas 1997<\/a><\/div>\n<h4 class=\"pt-cv-title\"><a href=\"https:\/\/www.dmsjuridica.com\/buscador_20179478954\/corteconstitucionalcronologico202454587\/t-169-97\/\" class=\"_self\" target=\"_self\" >T 169 97<\/a><\/h4>\n<div class=\"pt-cv-content\">T-169-97 Sentencia T-169\/97 La actora ha pretendido valerse de la acci\u00f3n de tutela para conseguir lo que no ha obtenido en diferentes procesos civiles. Los motivos de la sentencia objeto del recurso de casaci\u00f3n son ajenos a esta acci\u00f3n de tutela: lo que importa es la existencia de un proceso civil, a cuyas resultas habr\u00e1 de atenerse la recurrente en casaci\u00f3n. A\u00fan aceptando, en gracia de discusi\u00f3n, que hubiera existido alguna de las causales de nulidad, es claro que ellas habr\u00edan debido proponerse, debatirse y decidirse en el mismo proceso en que se daban, y no en el proceso de ...<br \/><div class=\"pt-cv-rmwrap\"><a href=\"https:\/\/www.dmsjuridica.com\/buscador_20179478954\/corteconstitucionalcronologico202454587\/t-169-97\/\" class=\"_self pt-cv-readmore btn btn-success\" target=\"_self\">Ver Sentencia Completa...<\/a><\/div><\/div><\/div><\/div>\n<div class=\"col-md-12 col-sm-12 col-xs-12 pt-cv-content-item pt-cv-1-col\" ><div class='pt-cv-ifield'><a href=\"https:\/\/www.dmsjuridica.com\/buscador_20179478954\/corteconstitucionalcronologico202454587\/t-168-97\/\" class=\"_self pt-cv-href-thumbnail pt-cv-thumb-default\" target=\"_self\" ><\/a>\n<div class=\"pt-cv-taxoterm above_title\"><a href='https:\/\/www.dmsjuridica.com\/buscador_20179478954\/corteconstitucionalcronologico202454587\/category\/buscar-en-toda-la-corte\/1997\/tutelas-1997\/' title='Tutelas 1997' class='pt-cv-tax-tutelas-1997'>Tutelas 1997<\/a><\/div>\n<h4 class=\"pt-cv-title\"><a href=\"https:\/\/www.dmsjuridica.com\/buscador_20179478954\/corteconstitucionalcronologico202454587\/t-168-97\/\" class=\"_self\" target=\"_self\" >T 168 97<\/a><\/h4>\n<div class=\"pt-cv-content\">T-168-97 Sentencia T-168\/97 DERECHO DE PETICION-Pronta resoluci\u00f3n La persona que no ha tenido respuesta de la administraci\u00f3n, tiene derecho a que se le proteja su derecho de petici\u00f3n. A pesar de existir para el afectado la posibilidad de acudir ante la jurisdicci\u00f3n de lo contencioso administrativo, frente al silencio de la administraci\u00f3n, tal circunstancia no hace improcedente la tutela, pues, las razones que inspiran el art\u00edculo 23 de la Constituci\u00f3n est\u00e1n encaminadas a lograr que una de las formas m\u00e1s elementales y directas de participaci\u00f3n democr\u00e1tica, como es el derecho de petici\u00f3n, sea realmente satisfecha. Porque la importancia de este ...<br \/><div class=\"pt-cv-rmwrap\"><a href=\"https:\/\/www.dmsjuridica.com\/buscador_20179478954\/corteconstitucionalcronologico202454587\/t-168-97\/\" class=\"_self pt-cv-readmore btn btn-success\" target=\"_self\">Ver Sentencia Completa...<\/a><\/div><\/div><\/div><\/div>\n<div class=\"col-md-12 col-sm-12 col-xs-12 pt-cv-content-item pt-cv-1-col\" ><div class='pt-cv-ifield'><a href=\"https:\/\/www.dmsjuridica.com\/buscador_20179478954\/corteconstitucionalcronologico202454587\/t-167-97\/\" class=\"_self pt-cv-href-thumbnail pt-cv-thumb-default\" target=\"_self\" ><\/a>\n<div class=\"pt-cv-taxoterm above_title\"><a href='https:\/\/www.dmsjuridica.com\/buscador_20179478954\/corteconstitucionalcronologico202454587\/category\/buscar-en-toda-la-corte\/1997\/tutelas-1997\/' title='Tutelas 1997' class='pt-cv-tax-tutelas-1997'>Tutelas 1997<\/a><\/div>\n<h4 class=\"pt-cv-title\"><a href=\"https:\/\/www.dmsjuridica.com\/buscador_20179478954\/corteconstitucionalcronologico202454587\/t-167-97\/\" class=\"_self\" target=\"_self\" >T 167 97<\/a><\/h4>\n<div class=\"pt-cv-content\">T-167-97 Sentencia T-167\/97 ACCION DE TUTELA-Alcance del hecho superado El objetivo fundamental de la acci\u00f3n de tutela es la protecci\u00f3n efectiva e inmediata de los derechos constitucionales fundamentales, en aquellos casos en que \u00e9stos resulten vulnerados o amenazados por la acci\u00f3n u omisi\u00f3n de una autoridad p\u00fablica o de un particular en los t\u00e9rminos que establece la Constituci\u00f3n y la ley. Obs\u00e9rvese que la eficacia de esta acci\u00f3n se manifiesta en la posibilidad que tiene el juez constitucional, si encuentra probada la vulneraci\u00f3n o amenaza alegada, de impartir una orden encaminada a la defensa actual e inminente del derecho en ...<br \/><div class=\"pt-cv-rmwrap\"><a href=\"https:\/\/www.dmsjuridica.com\/buscador_20179478954\/corteconstitucionalcronologico202454587\/t-167-97\/\" class=\"_self pt-cv-readmore btn btn-success\" target=\"_self\">Ver Sentencia Completa...<\/a><\/div><\/div><\/div><\/div>\n<div class=\"col-md-12 col-sm-12 col-xs-12 pt-cv-content-item pt-cv-1-col\" ><div class='pt-cv-ifield'><a href=\"https:\/\/www.dmsjuridica.com\/buscador_20179478954\/corteconstitucionalcronologico202454587\/t-166-97\/\" class=\"_self pt-cv-href-thumbnail pt-cv-thumb-default\" target=\"_self\" ><\/a>\n<div class=\"pt-cv-taxoterm above_title\"><a href='https:\/\/www.dmsjuridica.com\/buscador_20179478954\/corteconstitucionalcronologico202454587\/category\/buscar-en-toda-la-corte\/1997\/tutelas-1997\/' title='Tutelas 1997' class='pt-cv-tax-tutelas-1997'>Tutelas 1997<\/a><\/div>\n<h4 class=\"pt-cv-title\"><a href=\"https:\/\/www.dmsjuridica.com\/buscador_20179478954\/corteconstitucionalcronologico202454587\/t-166-97\/\" class=\"_self\" target=\"_self\" >T 166 97<\/a><\/h4>\n<div class=\"pt-cv-content\">T-166-97 Sentencia T-166\/97 ACCION DE TUTELA CONTRA PARTICULARES-V\u00ednculo laboral sin contraprestaciones legales\/SUBORDINACION E INDEFENSION-Explotaci\u00f3n fuerza laboral sin contraprestaciones legales La tutela es aplicable como procedimiento enderezado al rescate de quien, en la pr\u00e1ctica, se encuentra en manos de otro, impotente ante su posici\u00f3n dominante y necesitado, por tanto, de la efectiva intervenci\u00f3n del Estado. Tal ocurre en el proceso que se estudia, pues el accionante no solamente tiene establecido un v\u00ednculo laboral con los demandados, lo que implica subordinaci\u00f3n, sino que, dadas sus peculiares circunstancias, su avanzada edad, la carencia absoluta de techo al cual acogerse, la arbitrariedad e intransigencia ...<br \/><div class=\"pt-cv-rmwrap\"><a href=\"https:\/\/www.dmsjuridica.com\/buscador_20179478954\/corteconstitucionalcronologico202454587\/t-166-97\/\" class=\"_self pt-cv-readmore btn btn-success\" target=\"_self\">Ver Sentencia Completa...<\/a><\/div><\/div><\/div><\/div>\n<div class=\"col-md-12 col-sm-12 col-xs-12 pt-cv-content-item pt-cv-1-col\" ><div class='pt-cv-ifield'><a href=\"https:\/\/www.dmsjuridica.com\/buscador_20179478954\/corteconstitucionalcronologico202454587\/t-165-97\/\" class=\"_self pt-cv-href-thumbnail pt-cv-thumb-default\" target=\"_self\" ><\/a>\n<div class=\"pt-cv-taxoterm above_title\"><a href='https:\/\/www.dmsjuridica.com\/buscador_20179478954\/corteconstitucionalcronologico202454587\/category\/buscar-en-toda-la-corte\/1997\/tutelas-1997\/' title='Tutelas 1997' class='pt-cv-tax-tutelas-1997'>Tutelas 1997<\/a><\/div>\n<h4 class=\"pt-cv-title\"><a href=\"https:\/\/www.dmsjuridica.com\/buscador_20179478954\/corteconstitucionalcronologico202454587\/t-165-97\/\" class=\"_self\" target=\"_self\" >T 165 97<\/a><\/h4>\n<div class=\"pt-cv-content\">T-165-97 Sentencia T-165\/97 DERECHO DE PETICION ANTE ORGANIZACIONES PRIVADAS-Protecci\u00f3n de las personas en su salud\/DERECHO A LA SALUD-Fundamental por conexidad Si bien por regla general las obligaciones correlativas al derecho de petici\u00f3n recaen sobre quienes ejercen autoridad, tambi\u00e9n son exigibles a los particulares, en los t\u00e9rminos en que la ley lo disponga, con el prop\u00f3sito espec\u00edfico de asegurar que sean respetados los derechos fundamentales de las personas, el primero de ellos el de la vida, que puede verse en grave riesgo si no es atendido de manera eficiente el de la salud. Este, en la medida de esa interdependencia, participa ...<br \/><div class=\"pt-cv-rmwrap\"><a href=\"https:\/\/www.dmsjuridica.com\/buscador_20179478954\/corteconstitucionalcronologico202454587\/t-165-97\/\" class=\"_self pt-cv-readmore btn btn-success\" target=\"_self\">Ver Sentencia Completa...<\/a><\/div><\/div><\/div><\/div>\n<div class=\"col-md-12 col-sm-12 col-xs-12 pt-cv-content-item pt-cv-1-col\" ><div class='pt-cv-ifield'><a href=\"https:\/\/www.dmsjuridica.com\/buscador_20179478954\/corteconstitucionalcronologico202454587\/t-164-97\/\" class=\"_self pt-cv-href-thumbnail pt-cv-thumb-default\" target=\"_self\" ><\/a>\n<div class=\"pt-cv-taxoterm above_title\"><a href='https:\/\/www.dmsjuridica.com\/buscador_20179478954\/corteconstitucionalcronologico202454587\/category\/buscar-en-toda-la-corte\/1997\/tutelas-1997\/' title='Tutelas 1997' class='pt-cv-tax-tutelas-1997'>Tutelas 1997<\/a><\/div>\n<h4 class=\"pt-cv-title\"><a href=\"https:\/\/www.dmsjuridica.com\/buscador_20179478954\/corteconstitucionalcronologico202454587\/t-164-97\/\" class=\"_self\" target=\"_self\" >T 164 97<\/a><\/h4>\n<div class=\"pt-cv-content\">T-164-97 9 Sentencia T-164\/97 ACCION DE TUTELA-No declaraci\u00f3n de derechos\/MEDIO DE DEFENSA JUDICIAL-Controversia contractual\/MEDIO DE DEFENSA JUDICIAL-Reajuste de contrato de obra p\u00fablica El pretendido derecho al reconocimiento y legalizaci\u00f3n de unas cuentas por concepto de reajuste y al pago de unas sumas de dinero, no es, en s\u00ed mismo considerado, un derecho fundamental. El derecho alegado al pago de unas sumas de dinero por concepto de reajustes a unos contratos de obra p\u00fablica fuera de no ser fundamental no se halla definido, circunstancia que constituye raz\u00f3n adicional para denegar la tutela impetrada, ya que la acci\u00f3n del art\u00edculo 86 superior ...<br \/><div class=\"pt-cv-rmwrap\"><a href=\"https:\/\/www.dmsjuridica.com\/buscador_20179478954\/corteconstitucionalcronologico202454587\/t-164-97\/\" class=\"_self pt-cv-readmore btn btn-success\" target=\"_self\">Ver Sentencia Completa...<\/a><\/div><\/div><\/div><\/div>\n<div class=\"col-md-12 col-sm-12 col-xs-12 pt-cv-content-item pt-cv-1-col\" ><div class='pt-cv-ifield'><a href=\"https:\/\/www.dmsjuridica.com\/buscador_20179478954\/corteconstitucionalcronologico202454587\/t-163-97\/\" class=\"_self pt-cv-href-thumbnail pt-cv-thumb-default\" target=\"_self\" ><\/a>\n<div class=\"pt-cv-taxoterm above_title\"><a href='https:\/\/www.dmsjuridica.com\/buscador_20179478954\/corteconstitucionalcronologico202454587\/category\/buscar-en-toda-la-corte\/1997\/tutelas-1997\/' title='Tutelas 1997' class='pt-cv-tax-tutelas-1997'>Tutelas 1997<\/a><\/div>\n<h4 class=\"pt-cv-title\"><a href=\"https:\/\/www.dmsjuridica.com\/buscador_20179478954\/corteconstitucionalcronologico202454587\/t-163-97\/\" class=\"_self\" target=\"_self\" >T 163 97<\/a><\/h4>\n<div class=\"pt-cv-content\">T-163-97 Sentencia T-163\/97 PROCESO DISCIPLINARIO-Juzgamiento separado de responsables DERECHO DE ACCESO A LA ADMINISTRACION DE JUSTICIA-Representaci\u00f3n\/DERECHO DE POSTULACION El acceso de las personas a la administraci\u00f3n de justicia es un derecho que pueden ejercer directamente en los asuntos que la ley se\u00f1ale, e indirectamente, a trav\u00e9s de un abogado que act\u00fae como su representante judicial, en todos los dem\u00e1s. Sin embargo, quien puede acudir ante el juez por s\u00ed mismo, tambi\u00e9n puede hacerlo a trav\u00e9s de un apoderado judicial ; y \"quien sea sindicado tiene derecho a la defensa y a la asistencia de un abogado escogido por \u00e9l, o ...<br \/><div class=\"pt-cv-rmwrap\"><a href=\"https:\/\/www.dmsjuridica.com\/buscador_20179478954\/corteconstitucionalcronologico202454587\/t-163-97\/\" class=\"_self pt-cv-readmore btn btn-success\" target=\"_self\">Ver Sentencia Completa...<\/a><\/div><\/div><\/div><\/div>\n<div class=\"col-md-12 col-sm-12 col-xs-12 pt-cv-content-item pt-cv-1-col\" ><div class='pt-cv-ifield'><a href=\"https:\/\/www.dmsjuridica.com\/buscador_20179478954\/corteconstitucionalcronologico202454587\/t-162-97\/\" class=\"_self pt-cv-href-thumbnail pt-cv-thumb-default\" target=\"_self\" ><\/a>\n<div class=\"pt-cv-taxoterm above_title\"><a href='https:\/\/www.dmsjuridica.com\/buscador_20179478954\/corteconstitucionalcronologico202454587\/category\/buscar-en-toda-la-corte\/1997\/tutelas-1997\/' title='Tutelas 1997' class='pt-cv-tax-tutelas-1997'>Tutelas 1997<\/a><\/div>\n<h4 class=\"pt-cv-title\"><a href=\"https:\/\/www.dmsjuridica.com\/buscador_20179478954\/corteconstitucionalcronologico202454587\/t-162-97\/\" class=\"_self\" target=\"_self\" >T 162 97<\/a><\/h4>\n<div class=\"pt-cv-content\">T-162-97 Sentencia T-162\/97 IMPUGNACION FALLO DE TUTELA-Alcance Cuando un juez impide a una persona impugnar un fallo de tutela, viola el derecho al debido proceso. El derecho a impugnar el fallo es una de las formas propias del proceso de tutela consagradas en la Constituci\u00f3n, a la vez que es una figura que cristaliza el derecho a la defensa y el principio de las dos instancias. Desconocerlo no s\u00f3lo vulnera la garant\u00eda fundamental al debido proceso, tambi\u00e9n impide acceder a la administraci\u00f3n de justicia y pone en peligro la protecci\u00f3n de los derechos invocados por los ciudadanos en las demandas ...<br \/><div class=\"pt-cv-rmwrap\"><a href=\"https:\/\/www.dmsjuridica.com\/buscador_20179478954\/corteconstitucionalcronologico202454587\/t-162-97\/\" class=\"_self pt-cv-readmore btn btn-success\" target=\"_self\">Ver Sentencia Completa...<\/a><\/div><\/div><\/div><\/div>\n<div class=\"col-md-12 col-sm-12 col-xs-12 pt-cv-content-item pt-cv-1-col\" ><div class='pt-cv-ifield'><a href=\"https:\/\/www.dmsjuridica.com\/buscador_20179478954\/corteconstitucionalcronologico202454587\/t-161-97\/\" class=\"_self pt-cv-href-thumbnail pt-cv-thumb-default\" target=\"_self\" ><\/a>\n<div class=\"pt-cv-taxoterm above_title\"><a href='https:\/\/www.dmsjuridica.com\/buscador_20179478954\/corteconstitucionalcronologico202454587\/category\/buscar-en-toda-la-corte\/1997\/tutelas-1997\/' title='Tutelas 1997' class='pt-cv-tax-tutelas-1997'>Tutelas 1997<\/a><\/div>\n<h4 class=\"pt-cv-title\"><a href=\"https:\/\/www.dmsjuridica.com\/buscador_20179478954\/corteconstitucionalcronologico202454587\/t-161-97\/\" class=\"_self\" target=\"_self\" >T 161 97<\/a><\/h4>\n<div class=\"pt-cv-content\">T-161-97 Sentencia T-161\/97 ACCION DE TUTELA-Procedencia contra Caja de Cr\u00e9dito Agrario SERVIDOR PUBLICO-Respuesta de peticiones\/DERECHO DE PETICION-Pronta resoluci\u00f3n Salvo regulaci\u00f3n especial vigente, los servidores p\u00fablicos atender\u00e1n y resolver\u00e1n las peticiones que les dirijan los particulares, de acuerdo con las estipulaciones generales establecidas en el C\u00f3digo Contencioso Administrativo, a fin de cumplir con el deber de hacer efectivo el derecho fundamental de los peticionarios, y no incurrir en violaci\u00f3n del Estatuto Superior, pues la falta de desarrollo legal o reglamentaci\u00f3n especial no exime del deber de ejercer las propias funciones en la forma prevista por la Carta Pol\u00edtica. MEDIO DE DEFENSA ...<br \/><div class=\"pt-cv-rmwrap\"><a href=\"https:\/\/www.dmsjuridica.com\/buscador_20179478954\/corteconstitucionalcronologico202454587\/t-161-97\/\" class=\"_self pt-cv-readmore btn btn-success\" target=\"_self\">Ver Sentencia Completa...<\/a><\/div><\/div><\/div><\/div>\n<div class=\"col-md-12 col-sm-12 col-xs-12 pt-cv-content-item pt-cv-1-col\" ><div class='pt-cv-ifield'><a href=\"https:\/\/www.dmsjuridica.com\/buscador_20179478954\/corteconstitucionalcronologico202454587\/t-160-97\/\" class=\"_self pt-cv-href-thumbnail pt-cv-thumb-default\" target=\"_self\" ><\/a>\n<div class=\"pt-cv-taxoterm above_title\"><a href='https:\/\/www.dmsjuridica.com\/buscador_20179478954\/corteconstitucionalcronologico202454587\/category\/buscar-en-toda-la-corte\/1997\/tutelas-1997\/' title='Tutelas 1997' class='pt-cv-tax-tutelas-1997'>Tutelas 1997<\/a><\/div>\n<h4 class=\"pt-cv-title\"><a href=\"https:\/\/www.dmsjuridica.com\/buscador_20179478954\/corteconstitucionalcronologico202454587\/t-160-97\/\" class=\"_self\" target=\"_self\" >T 160 97<\/a><\/h4>\n<div class=\"pt-cv-content\">T-160-97 Sentencia T-160\/97 PROCESO EJECUTIVO LABORAL-Pago de mesadas pensionales atrasadas\/DERECHO AL MINIMO VITAL-Pago oportuno de mesadas pensionales\/PERSONA DE LA TERCERA EDAD-Pago oportuno de pensiones Los actores son personas de la tercera edad, y la doctrina constitucional ha sido clara al se\u00f1alar que la ancianidad es una situaci\u00f3n de debilidad manifiesta, que amerita una protecci\u00f3n especial. Est\u00e1 acreditado que el sustento m\u00ednimo vital de los actores y de sus familias depende del pago oportuno de las mesadas pensionales, y ninguno est\u00e1 en condiciones f\u00edsicas de procurarse otro ingreso acudiendo al mercado laboral. Seg\u00fan la Jurisprudencia reiterada de la Corte constitucional, la ...<br \/><div class=\"pt-cv-rmwrap\"><a href=\"https:\/\/www.dmsjuridica.com\/buscador_20179478954\/corteconstitucionalcronologico202454587\/t-160-97\/\" class=\"_self pt-cv-readmore btn btn-success\" target=\"_self\">Ver Sentencia Completa...<\/a><\/div><\/div><\/div><\/div>\n<div class=\"col-md-12 col-sm-12 col-xs-12 pt-cv-content-item pt-cv-1-col\" ><div class='pt-cv-ifield'><a href=\"https:\/\/www.dmsjuridica.com\/buscador_20179478954\/corteconstitucionalcronologico202454587\/t-126-97\/\" class=\"_self pt-cv-href-thumbnail pt-cv-thumb-default\" target=\"_self\" ><\/a>\n<div class=\"pt-cv-taxoterm above_title\"><a href='https:\/\/www.dmsjuridica.com\/buscador_20179478954\/corteconstitucionalcronologico202454587\/category\/buscar-en-toda-la-corte\/1997\/tutelas-1997\/' title='Tutelas 1997' class='pt-cv-tax-tutelas-1997'>Tutelas 1997<\/a><\/div>\n<h4 class=\"pt-cv-title\"><a href=\"https:\/\/www.dmsjuridica.com\/buscador_20179478954\/corteconstitucionalcronologico202454587\/t-126-97\/\" class=\"_self\" target=\"_self\" >T 126 97<\/a><\/h4>\n<div class=\"pt-cv-content\">T-126-97 13 Sentencia T-126\/97 MEDIO DE DEFENSA JUDICIAL-Reconocimiento y pago de prestaciones sociales En la gran mayor\u00eda de los expedientes, los actores han hecho uso de la acci\u00f3n de tutela con el objeto de reemplazar los procedimientos ordinarios, que habr\u00edan podido servir con eficiencia para la finalidad buscada, que no ha sido otra que la de obtener el examen judicial de los distintos casos, con miras al reconocimiento y pago de numerosas prestaciones sociales. Ninguno de los demandantes pidi\u00f3 el pago de una pensi\u00f3n que requiriera para sostener su m\u00ednimo vital ni demostr\u00f3 que estuvieren afectados sus derechos fundamentales como ...<br \/><div class=\"pt-cv-rmwrap\"><a href=\"https:\/\/www.dmsjuridica.com\/buscador_20179478954\/corteconstitucionalcronologico202454587\/t-126-97\/\" class=\"_self pt-cv-readmore btn btn-success\" target=\"_self\">Ver Sentencia Completa...<\/a><\/div><\/div><\/div><\/div>\n<div class=\"col-md-12 col-sm-12 col-xs-12 pt-cv-content-item pt-cv-1-col\" ><div class='pt-cv-ifield'><a href=\"https:\/\/www.dmsjuridica.com\/buscador_20179478954\/corteconstitucionalcronologico202454587\/t-125-97\/\" class=\"_self pt-cv-href-thumbnail pt-cv-thumb-default\" target=\"_self\" ><\/a>\n<div class=\"pt-cv-taxoterm above_title\"><a href='https:\/\/www.dmsjuridica.com\/buscador_20179478954\/corteconstitucionalcronologico202454587\/category\/buscar-en-toda-la-corte\/1997\/tutelas-1997\/' title='Tutelas 1997' class='pt-cv-tax-tutelas-1997'>Tutelas 1997<\/a><\/div>\n<h4 class=\"pt-cv-title\"><a href=\"https:\/\/www.dmsjuridica.com\/buscador_20179478954\/corteconstitucionalcronologico202454587\/t-125-97\/\" class=\"_self\" target=\"_self\" >T 125 97<\/a><\/h4>\n<div class=\"pt-cv-content\">T-125-97 Sentencia T-125\/97 INSTITUTO DE SEGUROS SOCIALES-Suministro medicamento no contenido en Vadem\u00e9cum\/DERECHO A LA VIDA-Suministro de medicamentos no contenido en listado oficial La negativa del Instituto en el sentido de suspender el suministro del medicamento recomendado al actor por el m\u00e9dico de la misma entidad, argumentando razones de orden legal que para esta Sala no tienen justificaci\u00f3n v\u00e1lida, constituyen un acto discriminatorio frente a otras personas que reciben el tratamiento integral para su salud. El trato desigual al que es sometido el peticionario, conlleva la vulneraci\u00f3n de otros derechos fundamentales como son el derecho a la vida y a la ...<br \/><div class=\"pt-cv-rmwrap\"><a href=\"https:\/\/www.dmsjuridica.com\/buscador_20179478954\/corteconstitucionalcronologico202454587\/t-125-97\/\" class=\"_self pt-cv-readmore btn btn-success\" target=\"_self\">Ver Sentencia Completa...<\/a><\/div><\/div><\/div><\/div>\n<div class=\"col-md-12 col-sm-12 col-xs-12 pt-cv-content-item pt-cv-1-col\" ><div class='pt-cv-ifield'><a href=\"https:\/\/www.dmsjuridica.com\/buscador_20179478954\/corteconstitucionalcronologico202454587\/t-124-97\/\" class=\"_self pt-cv-href-thumbnail pt-cv-thumb-default\" target=\"_self\" ><\/a>\n<div class=\"pt-cv-taxoterm above_title\"><a href='https:\/\/www.dmsjuridica.com\/buscador_20179478954\/corteconstitucionalcronologico202454587\/category\/buscar-en-toda-la-corte\/1997\/tutelas-1997\/' title='Tutelas 1997' class='pt-cv-tax-tutelas-1997'>Tutelas 1997<\/a><\/div>\n<h4 class=\"pt-cv-title\"><a href=\"https:\/\/www.dmsjuridica.com\/buscador_20179478954\/corteconstitucionalcronologico202454587\/t-124-97\/\" class=\"_self\" target=\"_self\" >T 124 97<\/a><\/h4>\n<div class=\"pt-cv-content\">T-124-97 Sentencia T-124\/97 DERECHO A LA SEGURIDAD SOCIAL-Suspensi\u00f3n pago de cotizaciones en salud\/CONCORDATO PREVENTIVO OBLIGATORIO-Pago oportuno de cotizaciones en salud\/DERECHO A LA SALUD-Suspensi\u00f3n pago de cotizaciones por patrono El derecho a la seguridad social y el derecho a la salud, en su condici\u00f3n de derechos sociales, no pueden ser objeto de la acci\u00f3n de tutela, salvo que se compruebe, en el caso concreto, una \u00edntima relaci\u00f3n con el derecho a la vida. Se observa que la conducta de la empresa, que indebidamente ha retenido y no ha transferido al Instituto de los Seguros Sociales los fondos por concepto de afiliaci\u00f3n, ...<br \/><div class=\"pt-cv-rmwrap\"><a href=\"https:\/\/www.dmsjuridica.com\/buscador_20179478954\/corteconstitucionalcronologico202454587\/t-124-97\/\" class=\"_self pt-cv-readmore btn btn-success\" target=\"_self\">Ver Sentencia Completa...<\/a><\/div><\/div><\/div><\/div>\n<div class=\"col-md-12 col-sm-12 col-xs-12 pt-cv-content-item pt-cv-1-col\" ><div class='pt-cv-ifield'><a href=\"https:\/\/www.dmsjuridica.com\/buscador_20179478954\/corteconstitucionalcronologico202454587\/t-123-97\/\" class=\"_self pt-cv-href-thumbnail pt-cv-thumb-default\" target=\"_self\" ><\/a>\n<div class=\"pt-cv-taxoterm above_title\"><a href='https:\/\/www.dmsjuridica.com\/buscador_20179478954\/corteconstitucionalcronologico202454587\/category\/buscar-en-toda-la-corte\/1997\/tutelas-1997\/' title='Tutelas 1997' class='pt-cv-tax-tutelas-1997'>Tutelas 1997<\/a><\/div>\n<h4 class=\"pt-cv-title\"><a href=\"https:\/\/www.dmsjuridica.com\/buscador_20179478954\/corteconstitucionalcronologico202454587\/t-123-97\/\" class=\"_self\" target=\"_self\" >T 123 97<\/a><\/h4>\n<div class=\"pt-cv-content\">T-123-97 Sentencia T-123\/97 PENSION DE JUBILACION-Atraso en el pago\/PENSION DE JUBILACION-Requerimiento para pago oportuno Referencia: Expedientes acumulados T-109838; T-112421; T-112501; T-112508; T-112509; T-112511; T-112530; T-112534; T-112540; T-112541; T-112542; T-112547; T-112619; T-112620; T-112622; T-112652; T-112654; T-112793; T-112798; T-112982; T-113062; T-113065; T-113095. Santa Fe de Bogot\u00e1, D.C., marzo catorce (14) de mil novecientos noventa y siete (1997). Las presentes demandas de tutela fueron remitidas a esta Corporaci\u00f3n por la Corte Suprema de Justicia (Salas Civil, Penal y Laboral), Consejo de Estado (Sala de lo Contencioso Administrativo, Secciones Primera y Segunda), Consejo Superior de la Judicatura Sala Disciplinaria y Tribunal Superior de Barranquilla ...<br \/><div class=\"pt-cv-rmwrap\"><a href=\"https:\/\/www.dmsjuridica.com\/buscador_20179478954\/corteconstitucionalcronologico202454587\/t-123-97\/\" class=\"_self pt-cv-readmore btn btn-success\" target=\"_self\">Ver Sentencia Completa...<\/a><\/div><\/div><\/div><\/div>\n<div class=\"col-md-12 col-sm-12 col-xs-12 pt-cv-content-item pt-cv-1-col\" ><div class='pt-cv-ifield'><a href=\"https:\/\/www.dmsjuridica.com\/buscador_20179478954\/corteconstitucionalcronologico202454587\/t-121-97\/\" class=\"_self pt-cv-href-thumbnail pt-cv-thumb-default\" target=\"_self\" ><\/a>\n<div class=\"pt-cv-taxoterm above_title\"><a href='https:\/\/www.dmsjuridica.com\/buscador_20179478954\/corteconstitucionalcronologico202454587\/category\/buscar-en-toda-la-corte\/1997\/tutelas-1997\/' title='Tutelas 1997' class='pt-cv-tax-tutelas-1997'>Tutelas 1997<\/a><\/div>\n<h4 class=\"pt-cv-title\"><a href=\"https:\/\/www.dmsjuridica.com\/buscador_20179478954\/corteconstitucionalcronologico202454587\/t-121-97\/\" class=\"_self\" target=\"_self\" >T 121 97<\/a><\/h4>\n<div class=\"pt-cv-content\">T-121-97 Sentencia T-121\/97 HABEAS DATA-Reconocimiento veracidad del reporte No puede el juez de tutela afirmar que se vulner\u00f3 el derecho de h\u00e1beas data, despu\u00e9s de \u00e9ste autorizar los reportes sobre su situaci\u00f3n crediticia, reconocer la veracidad del contenido del reporte enviado a Datacr\u00e9dito, y de haber constatado el juez que el dato no permaneci\u00f3 en el sistema de referencia por un t\u00e9rmino mayor al se\u00f1alado como m\u00e1ximo por la doctrina constitucional. ACTO JURIDICO ENTRE PARTICULARES-Vicios del consentimiento\/MEDIO DE DEFENSA JUDICIAL-Invalidez acuerdo de voluntades Si el actor no deb\u00eda lo que reconoci\u00f3 y pag\u00f3, y si el reconocimiento y pago de ...<br \/><div class=\"pt-cv-rmwrap\"><a href=\"https:\/\/www.dmsjuridica.com\/buscador_20179478954\/corteconstitucionalcronologico202454587\/t-121-97\/\" class=\"_self pt-cv-readmore btn btn-success\" target=\"_self\">Ver Sentencia Completa...<\/a><\/div><\/div><\/div><\/div>\n<div class=\"col-md-12 col-sm-12 col-xs-12 pt-cv-content-item pt-cv-1-col\" ><div class='pt-cv-ifield'><a href=\"https:\/\/www.dmsjuridica.com\/buscador_20179478954\/corteconstitucionalcronologico202454587\/t-120-97\/\" class=\"_self pt-cv-href-thumbnail pt-cv-thumb-default\" target=\"_self\" ><\/a>\n<div class=\"pt-cv-taxoterm above_title\"><a href='https:\/\/www.dmsjuridica.com\/buscador_20179478954\/corteconstitucionalcronologico202454587\/category\/buscar-en-toda-la-corte\/1997\/tutelas-1997\/' title='Tutelas 1997' class='pt-cv-tax-tutelas-1997'>Tutelas 1997<\/a><\/div>\n<h4 class=\"pt-cv-title\"><a href=\"https:\/\/www.dmsjuridica.com\/buscador_20179478954\/corteconstitucionalcronologico202454587\/t-120-97\/\" class=\"_self\" target=\"_self\" >T 120 97<\/a><\/h4>\n<div class=\"pt-cv-content\">T-120-97 Sentencia T-120\/97 INSTITUTO DE SEGUROS SOCIALES-Protecci\u00f3n vida de empleados\/DEBER PROFESIONAL-Protecci\u00f3n vida empleados del ISS El Instituto de los Seguros Sociales no puede exigir a sus empleados que arriesguen la vida en aras del cumplimiento de su deber profesional, en condiciones de peligro como las que encontrar\u00edan los actores, pues su deber es proteger a todas las personas en su vida, y los empleados del Instituto no est\u00e1n exceptuados de ese deber, ni ha sido menguada su titularidad de los derechos fundamentales implicados por norma alguna. DERECHOS FUNDAMENTALES-Protecci\u00f3n aunque no pruebe cumplimiento de obligaci\u00f3n legal\/DERECHO A LA VIDA-Protecci\u00f3n a pesar ...<br \/><div class=\"pt-cv-rmwrap\"><a href=\"https:\/\/www.dmsjuridica.com\/buscador_20179478954\/corteconstitucionalcronologico202454587\/t-120-97\/\" class=\"_self pt-cv-readmore btn btn-success\" target=\"_self\">Ver Sentencia Completa...<\/a><\/div><\/div><\/div><\/div>\n<div class=\"col-md-12 col-sm-12 col-xs-12 pt-cv-content-item pt-cv-1-col\" ><div class='pt-cv-ifield'><a href=\"https:\/\/www.dmsjuridica.com\/buscador_20179478954\/corteconstitucionalcronologico202454587\/t-119-97\/\" class=\"_self pt-cv-href-thumbnail pt-cv-thumb-default\" target=\"_self\" ><\/a>\n<div class=\"pt-cv-taxoterm above_title\"><a href='https:\/\/www.dmsjuridica.com\/buscador_20179478954\/corteconstitucionalcronologico202454587\/category\/buscar-en-toda-la-corte\/1997\/tutelas-1997\/' title='Tutelas 1997' class='pt-cv-tax-tutelas-1997'>Tutelas 1997<\/a><\/div>\n<h4 class=\"pt-cv-title\"><a href=\"https:\/\/www.dmsjuridica.com\/buscador_20179478954\/corteconstitucionalcronologico202454587\/t-119-97\/\" class=\"_self\" target=\"_self\" >T 119 97<\/a><\/h4>\n<div class=\"pt-cv-content\">T-119-97 Sentencia T-119\/97 ACCION DE TUTELA-Subsidiariedad La acci\u00f3n de tutela tiene un car\u00e1cter subsidiario. Ello significa que la tutela procede \u00fanicamente cuando no existen otros medios de defensa judicial a trav\u00e9s de los cuales se pueda solicitar la protecci\u00f3n de los derechos fundamentales que se considera vulnerados, o cuando el medio judicial alternativo es claramente ineficaz para la defensa de esos derechos. En el \u00faltimo caso procede la tutela, ordinariamente como mecanismo transitorio, con el fin de evitar un perjuicio irremediable. La acci\u00f3n de tutela no ha sido concebida como un instrumento para sustituir los dem\u00e1s medios de defensa judicial, ...<br \/><div class=\"pt-cv-rmwrap\"><a href=\"https:\/\/www.dmsjuridica.com\/buscador_20179478954\/corteconstitucionalcronologico202454587\/t-119-97\/\" class=\"_self pt-cv-readmore btn btn-success\" target=\"_self\">Ver Sentencia Completa...<\/a><\/div><\/div><\/div><\/div>\n<div class=\"col-md-12 col-sm-12 col-xs-12 pt-cv-content-item pt-cv-1-col\" ><div class='pt-cv-ifield'><a href=\"https:\/\/www.dmsjuridica.com\/buscador_20179478954\/corteconstitucionalcronologico202454587\/t-118-97\/\" class=\"_self pt-cv-href-thumbnail pt-cv-thumb-default\" target=\"_self\" ><\/a>\n<div class=\"pt-cv-taxoterm above_title\"><a href='https:\/\/www.dmsjuridica.com\/buscador_20179478954\/corteconstitucionalcronologico202454587\/category\/buscar-en-toda-la-corte\/1997\/tutelas-1997\/' title='Tutelas 1997' class='pt-cv-tax-tutelas-1997'>Tutelas 1997<\/a><\/div>\n<h4 class=\"pt-cv-title\"><a href=\"https:\/\/www.dmsjuridica.com\/buscador_20179478954\/corteconstitucionalcronologico202454587\/t-118-97\/\" class=\"_self\" target=\"_self\" >T 118 97<\/a><\/h4>\n<div class=\"pt-cv-content\">T-118-97 Sentencia T-118\/97 DERECHO A LA SEGURIDAD SOCIAL-Pago oportuno de mesadas pensionales\/PARTIDA PRESUPUESTAL-Pago oportuno de pensiones La Corte Constitucional se ha pronunciado sobre el car\u00e1cter fundamental del derecho a la seguridad social, especialmente en lo que hace referencia al pago de pensiones, imponiendo al estado la necesidad de proteger a las personas de la tercera edad que no cuentan con los recursos econ\u00f3micos para su digna subsistencia, es por esto, que las diferentes entidades est\u00e1n en la obligaci\u00f3n de incluir dentro del presupuesto los rubros necesarios para cumplir oportunamente con el pago de las mesadas. DERECHO A LA DIGNIDAD HUMANA-Pago ...<br \/><div class=\"pt-cv-rmwrap\"><a href=\"https:\/\/www.dmsjuridica.com\/buscador_20179478954\/corteconstitucionalcronologico202454587\/t-118-97\/\" class=\"_self pt-cv-readmore btn btn-success\" target=\"_self\">Ver Sentencia Completa...<\/a><\/div><\/div><\/div><\/div>\n<div class=\"col-md-12 col-sm-12 col-xs-12 pt-cv-content-item pt-cv-1-col\" ><div class='pt-cv-ifield'><a href=\"https:\/\/www.dmsjuridica.com\/buscador_20179478954\/corteconstitucionalcronologico202454587\/t-117-97\/\" class=\"_self pt-cv-href-thumbnail pt-cv-thumb-default\" target=\"_self\" ><\/a>\n<div class=\"pt-cv-taxoterm above_title\"><a href='https:\/\/www.dmsjuridica.com\/buscador_20179478954\/corteconstitucionalcronologico202454587\/category\/buscar-en-toda-la-corte\/1997\/tutelas-1997\/' title='Tutelas 1997' class='pt-cv-tax-tutelas-1997'>Tutelas 1997<\/a><\/div>\n<h4 class=\"pt-cv-title\"><a href=\"https:\/\/www.dmsjuridica.com\/buscador_20179478954\/corteconstitucionalcronologico202454587\/t-117-97\/\" class=\"_self\" target=\"_self\" >T 117 97<\/a><\/h4>\n<div class=\"pt-cv-content\">T-117-97 Sentencia T-117\/97 ACCION DE TUTELA CONTRA PARTICULARES-Prestaci\u00f3n de servicio p\u00fablico de salud\/SERVICIO PUBLICO DE SALUD-Coomeva La demandada con quien la actora suscribi\u00f3 un contrato de prestaci\u00f3n de servicio de salud, es una persona jur\u00eddica de car\u00e1cter particular, contra la cual procede el mecanismo tutelar, si se tiene en cuenta que la actividad que desarrolla se encuentra comprendida dentro de los eventos previstos en el art\u00edculo 86 de la Carta Pol\u00edtica que se\u00f1ala: \"la acci\u00f3n de tutela procede contra particulares encargados de la prestaci\u00f3n de un servicio p\u00fablico o cuya conducta afecte grave y directamente el inter\u00e9s colectivo, o respecto ...<br \/><div class=\"pt-cv-rmwrap\"><a href=\"https:\/\/www.dmsjuridica.com\/buscador_20179478954\/corteconstitucionalcronologico202454587\/t-117-97\/\" class=\"_self pt-cv-readmore btn btn-success\" target=\"_self\">Ver Sentencia Completa...<\/a><\/div><\/div><\/div><\/div>\n<div class=\"col-md-12 col-sm-12 col-xs-12 pt-cv-content-item pt-cv-1-col\" ><div class='pt-cv-ifield'><a href=\"https:\/\/www.dmsjuridica.com\/buscador_20179478954\/corteconstitucionalcronologico202454587\/t-116-97\/\" class=\"_self pt-cv-href-thumbnail pt-cv-thumb-default\" target=\"_self\" ><\/a>\n<div class=\"pt-cv-taxoterm above_title\"><a href='https:\/\/www.dmsjuridica.com\/buscador_20179478954\/corteconstitucionalcronologico202454587\/category\/buscar-en-toda-la-corte\/1997\/tutelas-1997\/' title='Tutelas 1997' class='pt-cv-tax-tutelas-1997'>Tutelas 1997<\/a><\/div>\n<h4 class=\"pt-cv-title\"><a href=\"https:\/\/www.dmsjuridica.com\/buscador_20179478954\/corteconstitucionalcronologico202454587\/t-116-97\/\" class=\"_self\" target=\"_self\" >T 116 97<\/a><\/h4>\n<div class=\"pt-cv-content\">T-116-97 Sentencia T-116\/97 DERECHO DE PETICION ANTE AUTORIDAD PUBLICA-Alcance y contenido de la respuesta En el evento de la petici\u00f3n elevada ante las autoridades p\u00fablicas, el tr\u00e1mite, alcance y contenido de la respuesta debe ajustarse al orden legal vigente. En este sentido, no le es dado al juez de tutela resolver sobre el objeto de la petici\u00f3n en sentido positivo o negativo, pues ello es de la competencia de la autoridad ante quien se dirige la petici\u00f3n. Lo que es procedente al amparar el derecho de petici\u00f3n es que se resuelva la solicitud en forma pronta y oportuna, dentro de ...<br \/><div class=\"pt-cv-rmwrap\"><a href=\"https:\/\/www.dmsjuridica.com\/buscador_20179478954\/corteconstitucionalcronologico202454587\/t-116-97\/\" class=\"_self pt-cv-readmore btn btn-success\" target=\"_self\">Ver Sentencia Completa...<\/a><\/div><\/div><\/div><\/div>\n<div class=\"col-md-12 col-sm-12 col-xs-12 pt-cv-content-item pt-cv-1-col\" ><div class='pt-cv-ifield'><a href=\"https:\/\/www.dmsjuridica.com\/buscador_20179478954\/corteconstitucionalcronologico202454587\/t-115-97\/\" class=\"_self pt-cv-href-thumbnail pt-cv-thumb-default\" target=\"_self\" ><\/a>\n<div class=\"pt-cv-taxoterm above_title\"><a href='https:\/\/www.dmsjuridica.com\/buscador_20179478954\/corteconstitucionalcronologico202454587\/category\/buscar-en-toda-la-corte\/1997\/tutelas-1997\/' title='Tutelas 1997' class='pt-cv-tax-tutelas-1997'>Tutelas 1997<\/a><\/div>\n<h4 class=\"pt-cv-title\"><a href=\"https:\/\/www.dmsjuridica.com\/buscador_20179478954\/corteconstitucionalcronologico202454587\/t-115-97\/\" class=\"_self\" target=\"_self\" >T 115 97<\/a><\/h4>\n<div class=\"pt-cv-content\">T-115-97 Sentencia T-115\/97 ACCION DE TUTELA CONTRA PARTICULARES-Exposici\u00f3n a malos olores\/INDEFENSION-Exposici\u00f3n a malos olores\/DERECHO A LA INTIMIDAD PERSONAL Y FAMILIAR-Exposici\u00f3n a malos olores Aunque del acervo probatorio que obra en el expediente, si bien no es posible establecer da\u00f1os particulares a la salud o a la vida del accionante y de los dem\u00e1s miembros de su n\u00facleo familiar, si es demostrativa la existencia de una clara violaci\u00f3n al derecho fundamental a la intimidad por la exposici\u00f3n permanente e inmediata -dada la situaci\u00f3n de vecindad con el accionado- a la fuente de malos olores emanados del criadero de pollos, lo cual ...<br \/><div class=\"pt-cv-rmwrap\"><a href=\"https:\/\/www.dmsjuridica.com\/buscador_20179478954\/corteconstitucionalcronologico202454587\/t-115-97\/\" class=\"_self pt-cv-readmore btn btn-success\" target=\"_self\">Ver Sentencia Completa...<\/a><\/div><\/div><\/div><\/div>\n<div class=\"col-md-12 col-sm-12 col-xs-12 pt-cv-content-item pt-cv-1-col\" ><div class='pt-cv-ifield'><a href=\"https:\/\/www.dmsjuridica.com\/buscador_20179478954\/corteconstitucionalcronologico202454587\/t-114-97\/\" class=\"_self pt-cv-href-thumbnail pt-cv-thumb-default\" target=\"_self\" ><\/a>\n<div class=\"pt-cv-taxoterm above_title\"><a href='https:\/\/www.dmsjuridica.com\/buscador_20179478954\/corteconstitucionalcronologico202454587\/category\/buscar-en-toda-la-corte\/1997\/tutelas-1997\/' title='Tutelas 1997' class='pt-cv-tax-tutelas-1997'>Tutelas 1997<\/a><\/div>\n<h4 class=\"pt-cv-title\"><a href=\"https:\/\/www.dmsjuridica.com\/buscador_20179478954\/corteconstitucionalcronologico202454587\/t-114-97\/\" class=\"_self\" target=\"_self\" >T 114 97<\/a><\/h4>\n<div class=\"pt-cv-content\">T-114-97 Sentencia T-114\/97 SISTEMA DE SEGURIDAD SOCIAL-Acceso a servicios de altos costos en salud El acceso a la prestaci\u00f3n de los servicios de altos costos requiere de una cotizaci\u00f3n m\u00ednima, y en caso de que no se hayan cumplido dichos per\u00edodos, el usuario debe cubrir cierta proporci\u00f3n \"que se establecer\u00e1 de acuerdo con su capacidad econ\u00f3mica\". Eso significa una flexibilidad en el manejo de la situaci\u00f3n que se compadece con las condiciones econ\u00f3micas del usuario y, por supuesto, con la gravedad de la enfermedad que lo aqueja. CONTRATO CON ENTIDAD PROMOTORA DE SALUD-Ineficacia del mecanismo de defensa\/MEDIO DE DEFENSA JUDICIAL ...<br \/><div class=\"pt-cv-rmwrap\"><a href=\"https:\/\/www.dmsjuridica.com\/buscador_20179478954\/corteconstitucionalcronologico202454587\/t-114-97\/\" class=\"_self pt-cv-readmore btn btn-success\" target=\"_self\">Ver Sentencia Completa...<\/a><\/div><\/div><\/div><\/div>\n<div class=\"col-md-12 col-sm-12 col-xs-12 pt-cv-content-item pt-cv-1-col\" ><div class='pt-cv-ifield'><a href=\"https:\/\/www.dmsjuridica.com\/buscador_20179478954\/corteconstitucionalcronologico202454587\/t-113-97\/\" class=\"_self pt-cv-href-thumbnail pt-cv-thumb-default\" target=\"_self\" ><\/a>\n<div class=\"pt-cv-taxoterm above_title\"><a href='https:\/\/www.dmsjuridica.com\/buscador_20179478954\/corteconstitucionalcronologico202454587\/category\/buscar-en-toda-la-corte\/1997\/tutelas-1997\/' title='Tutelas 1997' class='pt-cv-tax-tutelas-1997'>Tutelas 1997<\/a><\/div>\n<h4 class=\"pt-cv-title\"><a href=\"https:\/\/www.dmsjuridica.com\/buscador_20179478954\/corteconstitucionalcronologico202454587\/t-113-97\/\" class=\"_self\" target=\"_self\" >T 113 97<\/a><\/h4>\n<div class=\"pt-cv-content\">T-113-97 Sentencia T-113\/97 PRINCIPIO NO REFORMATIO IN PEJUS-Pluralidad de sujetos\/PREVALENCIA DEL DERECHO SUSTANCIAL\/PRINCIPIO NO REFORMATIO IN PEJUS-Vulneraci\u00f3n Cuando la parte acusada y condenada en un proceso penal esta integrada por un n\u00famero plural de sujetos contra los cuales se adelant\u00f3 la acci\u00f3n penal, no quiere decir que la calidad de \"apelante \u00fanico\" no se obtenga en raz\u00f3n a dicha pluralidad, cuando \u00e9stos, de manera exclusiva han recurrido la sentencia condenatoria. Una interpretaci\u00f3n en este sentido del art\u00edculo 31 de la Constituci\u00f3n, vendr\u00eda a desconocer la primac\u00eda del derecho sustancial. El Tribunal Superior, al condenar a los peticionarios a una pena ...<br \/><div class=\"pt-cv-rmwrap\"><a href=\"https:\/\/www.dmsjuridica.com\/buscador_20179478954\/corteconstitucionalcronologico202454587\/t-113-97\/\" class=\"_self pt-cv-readmore btn btn-success\" target=\"_self\">Ver Sentencia Completa...<\/a><\/div><\/div><\/div><\/div>\n<div class=\"col-md-12 col-sm-12 col-xs-12 pt-cv-content-item pt-cv-1-col\" ><div class='pt-cv-ifield'><a href=\"https:\/\/www.dmsjuridica.com\/buscador_20179478954\/corteconstitucionalcronologico202454587\/t-103-97\/\" class=\"_self pt-cv-href-thumbnail pt-cv-thumb-default\" target=\"_self\" ><\/a>\n<div class=\"pt-cv-taxoterm above_title\"><a href='https:\/\/www.dmsjuridica.com\/buscador_20179478954\/corteconstitucionalcronologico202454587\/category\/buscar-en-toda-la-corte\/1997\/tutelas-1997\/' title='Tutelas 1997' class='pt-cv-tax-tutelas-1997'>Tutelas 1997<\/a><\/div>\n<h4 class=\"pt-cv-title\"><a href=\"https:\/\/www.dmsjuridica.com\/buscador_20179478954\/corteconstitucionalcronologico202454587\/t-103-97\/\" class=\"_self\" target=\"_self\" >T 103 97<\/a><\/h4>\n<div class=\"pt-cv-content\">T-103-97 Sentencia T-103\/97 INSTITUTO DE SEGUROS SOCIALES-No Atenci\u00f3n m\u00e9dica por falta de aportes El actor ha dejado de efectuar los aportes correspondientes desde el a\u00f1o de 1993, motivo por el cual, el Instituto de Seguros Sociales no est\u00e1 obligado a brindarle atenci\u00f3n m\u00e9dica. No asiste raz\u00f3n alguna al demandante para exigir del Instituto un servicio al cual no tiene derecho. DERECHO A LA SEGURIDAD SOCIAL-Terminaci\u00f3n de relaci\u00f3n laboral Despu\u00e9s de la terminaci\u00f3n de su contrato de trabajo, el actor siempre ha estado en posibilidad de acceder a los beneficios de la seguridad social. Ciertamente, si el actor no tiene capacidad ...<br \/><div class=\"pt-cv-rmwrap\"><a href=\"https:\/\/www.dmsjuridica.com\/buscador_20179478954\/corteconstitucionalcronologico202454587\/t-103-97\/\" class=\"_self pt-cv-readmore btn btn-success\" target=\"_self\">Ver Sentencia Completa...<\/a><\/div><\/div><\/div><\/div>\n<div class=\"col-md-12 col-sm-12 col-xs-12 pt-cv-content-item pt-cv-1-col\" ><div class='pt-cv-ifield'><a href=\"https:\/\/www.dmsjuridica.com\/buscador_20179478954\/corteconstitucionalcronologico202454587\/t-102-97\/\" class=\"_self pt-cv-href-thumbnail pt-cv-thumb-default\" target=\"_self\" ><\/a>\n<div class=\"pt-cv-taxoterm above_title\"><a href='https:\/\/www.dmsjuridica.com\/buscador_20179478954\/corteconstitucionalcronologico202454587\/category\/buscar-en-toda-la-corte\/1997\/tutelas-1997\/' title='Tutelas 1997' class='pt-cv-tax-tutelas-1997'>Tutelas 1997<\/a><\/div>\n<h4 class=\"pt-cv-title\"><a href=\"https:\/\/www.dmsjuridica.com\/buscador_20179478954\/corteconstitucionalcronologico202454587\/t-102-97\/\" class=\"_self\" target=\"_self\" >T 102 97<\/a><\/h4>\n<div class=\"pt-cv-content\">T-102-97 Sentencia T-102\/97 ACCION DE TUTELA-Alcance de la procedencia De acuerdo con la jurisprudencia, la acci\u00f3n de tutela constituye un derecho reconocido en favor de toda persona, de modo que no puede la autoridad judicial ante quien se acude en demanda de protecci\u00f3n obstaculizar su ejercicio, rechazando la solicitud o declar\u00e1ndola improcedente por fuera de los supuestos constitucionales y legales en que ello es posible. Sin embargo, cabe precisar que a\u00fan cuando la persona tiene el derecho a que su caso sea conocido por el juez, es a \u00e9ste a quien corresponde la tarea de examinar todos los aspectos acreditados ...<br \/><div class=\"pt-cv-rmwrap\"><a href=\"https:\/\/www.dmsjuridica.com\/buscador_20179478954\/corteconstitucionalcronologico202454587\/t-102-97\/\" class=\"_self pt-cv-readmore btn btn-success\" target=\"_self\">Ver Sentencia Completa...<\/a><\/div><\/div><\/div><\/div>\n<div class=\"col-md-12 col-sm-12 col-xs-12 pt-cv-content-item pt-cv-1-col\" ><div class='pt-cv-ifield'><a href=\"https:\/\/www.dmsjuridica.com\/buscador_20179478954\/corteconstitucionalcronologico202454587\/t-101-97\/\" class=\"_self pt-cv-href-thumbnail pt-cv-thumb-default\" target=\"_self\" ><\/a>\n<div class=\"pt-cv-taxoterm above_title\"><a href='https:\/\/www.dmsjuridica.com\/buscador_20179478954\/corteconstitucionalcronologico202454587\/category\/buscar-en-toda-la-corte\/1997\/tutelas-1997\/' title='Tutelas 1997' class='pt-cv-tax-tutelas-1997'>Tutelas 1997<\/a><\/div>\n<h4 class=\"pt-cv-title\"><a href=\"https:\/\/www.dmsjuridica.com\/buscador_20179478954\/corteconstitucionalcronologico202454587\/t-101-97\/\" class=\"_self\" target=\"_self\" >T 101 97<\/a><\/h4>\n<div class=\"pt-cv-content\">T-101-97 Sentencia T-101\/97 SISTEMA CARCELARIO-Garant\u00eda m\u00e1xima de preceptos fundamentales Esta Corporaci\u00f3n ha sostenido que la administraci\u00f3n p\u00fablica a trav\u00e9s del sistema carcelario debe garantizar con el m\u00e1ximo de diligencia los derechos fundamentales de las personas limitadas en su libertad, en virtud del respeto debido a la dignidad humana de los presos. ACCION DE TUTELA TEMERARIA POR INTERNO Del acervo probatorio existente en el expediente, pero especialmente de la lectura de la declaraci\u00f3n judicial rendida por el actor, se desprende una actuaci\u00f3n temeraria y as\u00ed se declarar\u00e1, como quiera que, sin motivo expresamente justificado, la misma acci\u00f3n de tutela fue instaurada ...<br \/><div class=\"pt-cv-rmwrap\"><a href=\"https:\/\/www.dmsjuridica.com\/buscador_20179478954\/corteconstitucionalcronologico202454587\/t-101-97\/\" class=\"_self pt-cv-readmore btn btn-success\" target=\"_self\">Ver Sentencia Completa...<\/a><\/div><\/div><\/div><\/div>\n<div class=\"col-md-12 col-sm-12 col-xs-12 pt-cv-content-item pt-cv-1-col\" ><div class='pt-cv-ifield'><a href=\"https:\/\/www.dmsjuridica.com\/buscador_20179478954\/corteconstitucionalcronologico202454587\/t-100-97\/\" class=\"_self pt-cv-href-thumbnail pt-cv-thumb-default\" target=\"_self\" ><\/a>\n<div class=\"pt-cv-taxoterm above_title\"><a href='https:\/\/www.dmsjuridica.com\/buscador_20179478954\/corteconstitucionalcronologico202454587\/category\/buscar-en-toda-la-corte\/1997\/tutelas-1997\/' title='Tutelas 1997' class='pt-cv-tax-tutelas-1997'>Tutelas 1997<\/a><\/div>\n<h4 class=\"pt-cv-title\"><a href=\"https:\/\/www.dmsjuridica.com\/buscador_20179478954\/corteconstitucionalcronologico202454587\/t-100-97\/\" class=\"_self\" target=\"_self\" >T 100 97<\/a><\/h4>\n<div class=\"pt-cv-content\">T-100-97 Sentencia T-100\/97 ACCION DE TUTELA-Subsidiariedad\/ACCION ORDINARIA Y ACCION ESPECIAL-Defensa de derechos constitucionales La acci\u00f3n de tutela es un instrumento jur\u00eddico de car\u00e1cter subsidiario, que busca brindar a la persona la posibilidad de acudir a la justicia de una manera informal, en procura de obtener una protecci\u00f3n directa e inmediata de los derechos constitucionales fundamentales, en aquellos casos en que el ciudadano no disponga de otros medios de defensa judicial. No puede entonces, tratarse la acci\u00f3n de amparo como una instancia adicional, alternativa o complementaria a las acciones ordinarias y especiales previstas por la Constituci\u00f3n y la ley para la ...<br \/><div class=\"pt-cv-rmwrap\"><a href=\"https:\/\/www.dmsjuridica.com\/buscador_20179478954\/corteconstitucionalcronologico202454587\/t-100-97\/\" class=\"_self pt-cv-readmore btn btn-success\" target=\"_self\">Ver Sentencia Completa...<\/a><\/div><\/div><\/div><\/div>\n<div class=\"col-md-12 col-sm-12 col-xs-12 pt-cv-content-item pt-cv-1-col\" ><div class='pt-cv-ifield'><a href=\"https:\/\/www.dmsjuridica.com\/buscador_20179478954\/corteconstitucionalcronologico202454587\/t-099-97\/\" class=\"_self pt-cv-href-thumbnail pt-cv-thumb-default\" target=\"_self\" ><\/a>\n<div class=\"pt-cv-taxoterm above_title\"><a href='https:\/\/www.dmsjuridica.com\/buscador_20179478954\/corteconstitucionalcronologico202454587\/category\/buscar-en-toda-la-corte\/1997\/tutelas-1997\/' title='Tutelas 1997' class='pt-cv-tax-tutelas-1997'>Tutelas 1997<\/a><\/div>\n<h4 class=\"pt-cv-title\"><a href=\"https:\/\/www.dmsjuridica.com\/buscador_20179478954\/corteconstitucionalcronologico202454587\/t-099-97\/\" class=\"_self\" target=\"_self\" >T 099 97<\/a><\/h4>\n<div class=\"pt-cv-content\">T-099-97 Sentencia T-099\/97 INTERES PUBLICO-Actividades financieras\/CONDUCTA LEGITIMA DE PARTICULAR-Negativa apertura de cuenta bancaria No se puede confundir el inter\u00e9s colectivo del art. 86 C.P. con el inter\u00e9s p\u00fablico. Cuando se habl\u00f3 de inter\u00e9s p\u00fablico, en la Constituci\u00f3n de 1991 como calificativo para las actividades financieras, burs\u00e1til, aseguradora, se fij\u00f3 un punto de partida para un ejercicio que necesita previa autorizaci\u00f3n del Estado. Ello no incluye a quien va a abrir una cuenta bancaria, porque esta actividad es personal y no colectiva, se ubica dentro de los par\u00e1metros del derecho comercial, pudiendo adem\u00e1s ser objeto de reglamentaci\u00f3n y si en la ...<br \/><div class=\"pt-cv-rmwrap\"><a href=\"https:\/\/www.dmsjuridica.com\/buscador_20179478954\/corteconstitucionalcronologico202454587\/t-099-97\/\" class=\"_self pt-cv-readmore btn btn-success\" target=\"_self\">Ver Sentencia Completa...<\/a><\/div><\/div><\/div><\/div>\n<div class=\"col-md-12 col-sm-12 col-xs-12 pt-cv-content-item pt-cv-1-col\" ><div class='pt-cv-ifield'><a href=\"https:\/\/www.dmsjuridica.com\/buscador_20179478954\/corteconstitucionalcronologico202454587\/t-098-97\/\" class=\"_self pt-cv-href-thumbnail pt-cv-thumb-default\" target=\"_self\" ><\/a>\n<div class=\"pt-cv-taxoterm above_title\"><a href='https:\/\/www.dmsjuridica.com\/buscador_20179478954\/corteconstitucionalcronologico202454587\/category\/buscar-en-toda-la-corte\/1997\/tutelas-1997\/' title='Tutelas 1997' class='pt-cv-tax-tutelas-1997'>Tutelas 1997<\/a><\/div>\n<h4 class=\"pt-cv-title\"><a href=\"https:\/\/www.dmsjuridica.com\/buscador_20179478954\/corteconstitucionalcronologico202454587\/t-098-97\/\" class=\"_self\" target=\"_self\" >T 098 97<\/a><\/h4>\n<div class=\"pt-cv-content\">T-098-97 Sentencia T-098\/97 REGIMEN DE CESANTIAS-Igualdad en el pago La condici\u00f3n de empleado es la misma para todos aquellos trabajadores que, requiriendo el pago de sus cesant\u00edas pertenezcan a uno u otro r\u00e9gimen. No es posible crear distingos entre trabajadores seg\u00fan el r\u00e9gimen que los cobije en relaci\u00f3n con una misma prestaci\u00f3n social. No se pueden establecer \"categor\u00edas\" de trabajadores, colocando a unos en mejor situaci\u00f3n que a otros cuando se encuentran ante un mismo derecho. CESANTIAS PARCIALES DE EMPLEADOS JUDICIALES-Pago oportuno\/CESANTIAS PARCIALES DE EMPLEADOS JUDICIALES-Reconocimiento de intereses moratorios Los demandantes no s\u00f3lo tienen el derecho a recibir de forma ...<br \/><div class=\"pt-cv-rmwrap\"><a href=\"https:\/\/www.dmsjuridica.com\/buscador_20179478954\/corteconstitucionalcronologico202454587\/t-098-97\/\" class=\"_self pt-cv-readmore btn btn-success\" target=\"_self\">Ver Sentencia Completa...<\/a><\/div><\/div><\/div><\/div>\n<div class=\"col-md-12 col-sm-12 col-xs-12 pt-cv-content-item pt-cv-1-col\" ><div class='pt-cv-ifield'><a href=\"https:\/\/www.dmsjuridica.com\/buscador_20179478954\/corteconstitucionalcronologico202454587\/t-097-97\/\" class=\"_self pt-cv-href-thumbnail pt-cv-thumb-default\" target=\"_self\" ><\/a>\n<div class=\"pt-cv-taxoterm above_title\"><a href='https:\/\/www.dmsjuridica.com\/buscador_20179478954\/corteconstitucionalcronologico202454587\/category\/buscar-en-toda-la-corte\/1997\/tutelas-1997\/' title='Tutelas 1997' class='pt-cv-tax-tutelas-1997'>Tutelas 1997<\/a><\/div>\n<h4 class=\"pt-cv-title\"><a href=\"https:\/\/www.dmsjuridica.com\/buscador_20179478954\/corteconstitucionalcronologico202454587\/t-097-97\/\" class=\"_self\" target=\"_self\" >T 097 97<\/a><\/h4>\n<div class=\"pt-cv-content\">T-097-97 Sentencia T-097\/97 DERECHO DE PETICION-Pronta resoluci\u00f3n\/SILENCIO ADMINISTRATIVO NEGATIVO-Resoluci\u00f3n de solicitudes Cuando la autoridad administrativa se abstiene de dar respuesta, argumentando el silencio administrativo negativo, vulnera el n\u00facleo esencial del derecho de petici\u00f3n, el cual consiste en la obligaci\u00f3n de la autoridad p\u00fablica de dar una respuesta clara, concreta, precisa y oportuna, sin que lo anterior conlleve a proferir una respuesta positiva a la petici\u00f3n formulada. Referencia: Expediente T-112.218 Santa Fe de Bogot\u00e1, tres (3) de marzo de mil novecientos noventa y siete (1997). La Secretar\u00eda de Tr\u00e1nsito y Transporte de Santa Fe de Bogot\u00e1 D.C., a trav\u00e9s del \u201cJefe ...<br \/><div class=\"pt-cv-rmwrap\"><a href=\"https:\/\/www.dmsjuridica.com\/buscador_20179478954\/corteconstitucionalcronologico202454587\/t-097-97\/\" class=\"_self pt-cv-readmore btn btn-success\" target=\"_self\">Ver Sentencia Completa...<\/a><\/div><\/div><\/div><\/div>\n<div class=\"col-md-12 col-sm-12 col-xs-12 pt-cv-content-item pt-cv-1-col\" ><div class='pt-cv-ifield'><a href=\"https:\/\/www.dmsjuridica.com\/buscador_20179478954\/corteconstitucionalcronologico202454587\/t-096-97\/\" class=\"_self pt-cv-href-thumbnail pt-cv-thumb-default\" target=\"_self\" ><\/a>\n<div class=\"pt-cv-taxoterm above_title\"><a href='https:\/\/www.dmsjuridica.com\/buscador_20179478954\/corteconstitucionalcronologico202454587\/category\/buscar-en-toda-la-corte\/1997\/tutelas-1997\/' title='Tutelas 1997' class='pt-cv-tax-tutelas-1997'>Tutelas 1997<\/a><\/div>\n<h4 class=\"pt-cv-title\"><a href=\"https:\/\/www.dmsjuridica.com\/buscador_20179478954\/corteconstitucionalcronologico202454587\/t-096-97\/\" class=\"_self\" target=\"_self\" >T 096 97<\/a><\/h4>\n<div class=\"pt-cv-content\">T-096-97 6 Sentencia T-096\/97 DERECHO DE PETICION-Pronta resoluci\u00f3n\/DERECHO DE PETICION-Desorganizaci\u00f3n correspondencia de empresa Cuando una persona presenta peticiones respetuosas a la autoridad, ya sea en inter\u00e9s particular o general, obtiene el derecho a una pronta resoluci\u00f3n de la misma, al tiempo que la autoridad a quien se dirige la petici\u00f3n contrae la obligaci\u00f3n constitucional de responder en el t\u00e9rmino establecido por la ley. Por tanto, cuando la autoridad omite resolver la petici\u00f3n, vulnera el derecho amparado en la Carta Fundamental, cuyo n\u00facleo esencial comprende una pronta resoluci\u00f3n. La desorganizaci\u00f3n de la correspondencia de las Empresas, no es excusa para conculcar ...<br \/><div class=\"pt-cv-rmwrap\"><a href=\"https:\/\/www.dmsjuridica.com\/buscador_20179478954\/corteconstitucionalcronologico202454587\/t-096-97\/\" class=\"_self pt-cv-readmore btn btn-success\" target=\"_self\">Ver Sentencia Completa...<\/a><\/div><\/div><\/div><\/div>\n<div class=\"col-md-12 col-sm-12 col-xs-12 pt-cv-content-item pt-cv-1-col\" ><div class='pt-cv-ifield'><a href=\"https:\/\/www.dmsjuridica.com\/buscador_20179478954\/corteconstitucionalcronologico202454587\/t-095-97\/\" class=\"_self pt-cv-href-thumbnail pt-cv-thumb-default\" target=\"_self\" ><\/a>\n<div class=\"pt-cv-taxoterm above_title\"><a href='https:\/\/www.dmsjuridica.com\/buscador_20179478954\/corteconstitucionalcronologico202454587\/category\/buscar-en-toda-la-corte\/1997\/tutelas-1997\/' title='Tutelas 1997' class='pt-cv-tax-tutelas-1997'>Tutelas 1997<\/a><\/div>\n<h4 class=\"pt-cv-title\"><a href=\"https:\/\/www.dmsjuridica.com\/buscador_20179478954\/corteconstitucionalcronologico202454587\/t-095-97\/\" class=\"_self\" target=\"_self\" >T 095 97<\/a><\/h4>\n<div class=\"pt-cv-content\">T-095-97 Sentencia T-095\/97 DERECHO AL AMBIENTE SANO-Funcionamiento porqueriza en per\u00edmetro urbano La Corte ha se\u00f1alado que la protecci\u00f3n al derecho a la intimidad de los ciudadanos comprende tambi\u00e9n la de no ser molestados con injerencias arbitrarias en su domicilio, como puede ser, entre otras, la de verse obligados a soportar malos olores y pestilencias que afectan el medio ambiente y la vida privada de quienes se ven abocados a ello. En consecuencia, no puede decirse que un particular, en ejercicio de una actividad comercial -cr\u00eda de cerdos en este caso- pueda ejercer su derecho en detrimento de los derechos fundamentales ...<br \/><div class=\"pt-cv-rmwrap\"><a href=\"https:\/\/www.dmsjuridica.com\/buscador_20179478954\/corteconstitucionalcronologico202454587\/t-095-97\/\" class=\"_self pt-cv-readmore btn btn-success\" target=\"_self\">Ver Sentencia Completa...<\/a><\/div><\/div><\/div><\/div>\n<div class=\"col-md-12 col-sm-12 col-xs-12 pt-cv-content-item pt-cv-1-col\" ><div class='pt-cv-ifield'><a href=\"https:\/\/www.dmsjuridica.com\/buscador_20179478954\/corteconstitucionalcronologico202454587\/t-094-97\/\" class=\"_self pt-cv-href-thumbnail pt-cv-thumb-default\" target=\"_self\" ><\/a>\n<div class=\"pt-cv-taxoterm above_title\"><a href='https:\/\/www.dmsjuridica.com\/buscador_20179478954\/corteconstitucionalcronologico202454587\/category\/buscar-en-toda-la-corte\/1997\/tutelas-1997\/' title='Tutelas 1997' class='pt-cv-tax-tutelas-1997'>Tutelas 1997<\/a><\/div>\n<h4 class=\"pt-cv-title\"><a href=\"https:\/\/www.dmsjuridica.com\/buscador_20179478954\/corteconstitucionalcronologico202454587\/t-094-97\/\" class=\"_self\" target=\"_self\" >T 094 97<\/a><\/h4>\n<div class=\"pt-cv-content\">T-094-97 Sentencia T-094\/97 VIA DE HECHO-Procedencia excepcional de tutela La v\u00eda judicial de hecho no es una regla general sino una excepci\u00f3n, una anormalidad, un comportamiento que, por constituir burdo desconocimiento de las normas legales, vulnera la Constituci\u00f3n y quebranta los derechos de quienes acceden a la administraci\u00f3n de justicia. Es una circunstancia extraordinaria que exige, por raz\u00f3n de la prevalencia del Derecho sustancial, la posibilidad, tambi\u00e9n extraordinaria, de corregir, en el plano preferente de la jurisdicci\u00f3n constitucional, el yerro que ha comprometido o mancillado los postulados superiores de la Constituci\u00f3n por un abuso de la investidura. ACCION DE TUTELA-Improcedencia ...<br \/><div class=\"pt-cv-rmwrap\"><a href=\"https:\/\/www.dmsjuridica.com\/buscador_20179478954\/corteconstitucionalcronologico202454587\/t-094-97\/\" class=\"_self pt-cv-readmore btn btn-success\" target=\"_self\">Ver Sentencia Completa...<\/a><\/div><\/div><\/div><\/div>\n<div class=\"col-md-12 col-sm-12 col-xs-12 pt-cv-content-item pt-cv-1-col\" ><div class='pt-cv-ifield'><a href=\"https:\/\/www.dmsjuridica.com\/buscador_20179478954\/corteconstitucionalcronologico202454587\/t-093-97\/\" class=\"_self pt-cv-href-thumbnail pt-cv-thumb-default\" target=\"_self\" ><\/a>\n<div class=\"pt-cv-taxoterm above_title\"><a href='https:\/\/www.dmsjuridica.com\/buscador_20179478954\/corteconstitucionalcronologico202454587\/category\/buscar-en-toda-la-corte\/1997\/tutelas-1997\/' title='Tutelas 1997' class='pt-cv-tax-tutelas-1997'>Tutelas 1997<\/a><\/div>\n<h4 class=\"pt-cv-title\"><a href=\"https:\/\/www.dmsjuridica.com\/buscador_20179478954\/corteconstitucionalcronologico202454587\/t-093-97\/\" class=\"_self\" target=\"_self\" >T 093 97<\/a><\/h4>\n<div class=\"pt-cv-content\">T-093-97 Sentencia T-093\/97 MEDIO DE DEFENSA JUDICIAL-Controversia laboral No es la acci\u00f3n de tutela el mecanismo procedente para obtener el reconocimiento y pago de prestaciones laborales, pues con tal objeto han sido previstos medios judiciales efectivos que, por regla general, aseguran al trabajador la cierta protecci\u00f3n judicial de sus derechos por la v\u00eda ordinaria. S\u00f3lo en casos extraordinarios tiene lugar el amparo, bajo el supuesto de la falta de idoneidad del mecanismo judicial ordinario frente a la situaci\u00f3n concreta del solicitante. _ ACCIDENTE DE TRABAJO-No atenci\u00f3n de salud\/MEDIO DE DEFENSA JUDICIAL INEFICAZ-Atenci\u00f3n en salud\/DERECHO A LA VIDA-Vulneraci\u00f3n por no atenci\u00f3n ...<br \/><div class=\"pt-cv-rmwrap\"><a href=\"https:\/\/www.dmsjuridica.com\/buscador_20179478954\/corteconstitucionalcronologico202454587\/t-093-97\/\" class=\"_self pt-cv-readmore btn btn-success\" target=\"_self\">Ver Sentencia Completa...<\/a><\/div><\/div><\/div><\/div>\n<div class=\"col-md-12 col-sm-12 col-xs-12 pt-cv-content-item pt-cv-1-col\" ><div class='pt-cv-ifield'><a href=\"https:\/\/www.dmsjuridica.com\/buscador_20179478954\/corteconstitucionalcronologico202454587\/t-086-97\/\" class=\"_self pt-cv-href-thumbnail pt-cv-thumb-default\" target=\"_self\" ><\/a>\n<div class=\"pt-cv-taxoterm above_title\"><a href='https:\/\/www.dmsjuridica.com\/buscador_20179478954\/corteconstitucionalcronologico202454587\/category\/buscar-en-toda-la-corte\/1997\/tutelas-1997\/' title='Tutelas 1997' class='pt-cv-tax-tutelas-1997'>Tutelas 1997<\/a><\/div>\n<h4 class=\"pt-cv-title\"><a href=\"https:\/\/www.dmsjuridica.com\/buscador_20179478954\/corteconstitucionalcronologico202454587\/t-086-97\/\" class=\"_self\" target=\"_self\" >T 086 97<\/a><\/h4>\n<div class=\"pt-cv-content\">T-086-97 Sentencia T-086\/97 VIA DE HECHO-Alcance por vicios o defectos Constituye una v\u00eda de hecho la actuaci\u00f3n u omisi\u00f3n de un servidor p\u00fablico que ostensiblemente carece de fundamento jur\u00eddico. Como lo ha indicado la Corte, una providencia judicial ser\u00e1 una v\u00eda de hecho cuando el funcionario que la profiera no tenga competencia para ello -vicio org\u00e1nico-, o en el evento en el cual el ejercicio de la jurisdicci\u00f3n se desv\u00ede hacia un fin no previsto en el ordenamiento o carezca de fundamento jur\u00eddico objetivo -vicio o defecto sustantivo-, o cuando se profiera de manera abiertamente contrar\u00eda a los supuestos de ...<br \/><div class=\"pt-cv-rmwrap\"><a href=\"https:\/\/www.dmsjuridica.com\/buscador_20179478954\/corteconstitucionalcronologico202454587\/t-086-97\/\" class=\"_self pt-cv-readmore btn btn-success\" target=\"_self\">Ver Sentencia Completa...<\/a><\/div><\/div><\/div><\/div>\n<div class=\"col-md-12 col-sm-12 col-xs-12 pt-cv-content-item pt-cv-1-col\" ><div class='pt-cv-ifield'><a href=\"https:\/\/www.dmsjuridica.com\/buscador_20179478954\/corteconstitucionalcronologico202454587\/t-085-97\/\" class=\"_self pt-cv-href-thumbnail pt-cv-thumb-default\" target=\"_self\" ><\/a>\n<div class=\"pt-cv-taxoterm above_title\"><a href='https:\/\/www.dmsjuridica.com\/buscador_20179478954\/corteconstitucionalcronologico202454587\/category\/buscar-en-toda-la-corte\/1997\/tutelas-1997\/' title='Tutelas 1997' class='pt-cv-tax-tutelas-1997'>Tutelas 1997<\/a><\/div>\n<h4 class=\"pt-cv-title\"><a href=\"https:\/\/www.dmsjuridica.com\/buscador_20179478954\/corteconstitucionalcronologico202454587\/t-085-97\/\" class=\"_self\" target=\"_self\" >T 085 97<\/a><\/h4>\n<div class=\"pt-cv-content\">T-085-97 Sentencia T-085\/97 ACCION DE TUTELA-Personas contra quien se dirige Trat\u00e1ndose de particular, persona natural, la demanda se debe dirigir contra dicha persona o quien sea su representante legal o convencional, debidamente constituido. Si se trata de persona jur\u00eddica la demanda debe dirigirse contra quien la represente legalmente o quien sea \"representante del \u00f3rgano que presuntamente viol\u00f3 o amenaz\u00f3 el derecho fundamental\". ACCION DE TUTELA-Hecho superado Referencia: Expediente T-111.051 Peticionario: Ovidio Santos Delgado Magistrado Ponente: Dr. ANTONIO BARRERA CARBONELL Santaf\u00e9 de Bogot\u00e1, D.C., febrero veinticinco (25) de mil novecientos noventa y siete (1997). I. ANTECEDENTES. La Sala Segunda de Revisi\u00f3n ...<br \/><div class=\"pt-cv-rmwrap\"><a href=\"https:\/\/www.dmsjuridica.com\/buscador_20179478954\/corteconstitucionalcronologico202454587\/t-085-97\/\" class=\"_self pt-cv-readmore btn btn-success\" target=\"_self\">Ver Sentencia Completa...<\/a><\/div><\/div><\/div><\/div>\n<div class=\"col-md-12 col-sm-12 col-xs-12 pt-cv-content-item pt-cv-1-col\" ><div class='pt-cv-ifield'><a href=\"https:\/\/www.dmsjuridica.com\/buscador_20179478954\/corteconstitucionalcronologico202454587\/t-084-97\/\" class=\"_self pt-cv-href-thumbnail pt-cv-thumb-default\" target=\"_self\" ><\/a>\n<div class=\"pt-cv-taxoterm above_title\"><a href='https:\/\/www.dmsjuridica.com\/buscador_20179478954\/corteconstitucionalcronologico202454587\/category\/buscar-en-toda-la-corte\/1997\/tutelas-1997\/' title='Tutelas 1997' class='pt-cv-tax-tutelas-1997'>Tutelas 1997<\/a><\/div>\n<h4 class=\"pt-cv-title\"><a href=\"https:\/\/www.dmsjuridica.com\/buscador_20179478954\/corteconstitucionalcronologico202454587\/t-084-97\/\" class=\"_self\" target=\"_self\" >T 084 97<\/a><\/h4>\n<div class=\"pt-cv-content\">T-084-97 Sentencia T-084\/97 ACCION DE TUTELA-Improcedencia de reajuste pensional\/MEDIO DE DEFENSA JUDICIAL-Pago de reajuste pensional El peticionario pretende se ordene el pago de un reajuste pensional que le fue reconocido, lo cual resulta improcedentente mediante acci\u00f3n de tutela, teniendo en cuenta que, actualmente, recibe su pensi\u00f3n de jubilaci\u00f3n y que las facultades del juez de tutela solo permiten velar porque se satisfagan las condiciones m\u00ednimas para la subsistencia inmediata del peticionario. En consecuencia, para obtener el pago del reajuste pensional se puede acudir al proceso ejecutivo laboral. Referencia: Expediente T-111.028 Santaf\u00e9 de Bogot\u00e1 , D.C. febrero veinticuatro (24) de mil ...<br \/><div class=\"pt-cv-rmwrap\"><a href=\"https:\/\/www.dmsjuridica.com\/buscador_20179478954\/corteconstitucionalcronologico202454587\/t-084-97\/\" class=\"_self pt-cv-readmore btn btn-success\" target=\"_self\">Ver Sentencia Completa...<\/a><\/div><\/div><\/div><\/div>\n<div class=\"col-md-12 col-sm-12 col-xs-12 pt-cv-content-item pt-cv-1-col\" ><div class='pt-cv-ifield'><a href=\"https:\/\/www.dmsjuridica.com\/buscador_20179478954\/corteconstitucionalcronologico202454587\/t-083-97\/\" class=\"_self pt-cv-href-thumbnail pt-cv-thumb-default\" target=\"_self\" ><\/a>\n<div class=\"pt-cv-taxoterm above_title\"><a href='https:\/\/www.dmsjuridica.com\/buscador_20179478954\/corteconstitucionalcronologico202454587\/category\/buscar-en-toda-la-corte\/1997\/tutelas-1997\/' title='Tutelas 1997' class='pt-cv-tax-tutelas-1997'>Tutelas 1997<\/a><\/div>\n<h4 class=\"pt-cv-title\"><a href=\"https:\/\/www.dmsjuridica.com\/buscador_20179478954\/corteconstitucionalcronologico202454587\/t-083-97\/\" class=\"_self\" target=\"_self\" >T 083 97<\/a><\/h4>\n<div class=\"pt-cv-content\">T-083-97 Sentencia T-083\/97 CONCURSO DE MERITOS-Nombramiento por aceptaci\u00f3n de carrera af\u00edn Todo concurso p\u00fablico debe ser desarrollado con fundamento en las reglas o bases, establecidas desde un principio, por la respectiva autoridad administrativa. Llevadas a cabo todas la etapas de preselecci\u00f3n, se se\u00f1alar\u00e1 a un \u00fanico ganador; quien obligatoriamente debe ser nombrado y posesionado en el cargo. De lo contrario se vulneran los principios de la funci\u00f3n administrativa. En consecuencia, no puede la Administraci\u00f3n P\u00fablica, a trav\u00e9s de sus servidores, modificar o anular la inscripci\u00f3n del postulante que fue aceptado por considerarse la carrera de Agronom\u00eda como af\u00edn o equivalente ...<br \/><div class=\"pt-cv-rmwrap\"><a href=\"https:\/\/www.dmsjuridica.com\/buscador_20179478954\/corteconstitucionalcronologico202454587\/t-083-97\/\" class=\"_self pt-cv-readmore btn btn-success\" target=\"_self\">Ver Sentencia Completa...<\/a><\/div><\/div><\/div><\/div>\n<div class=\"col-md-12 col-sm-12 col-xs-12 pt-cv-content-item pt-cv-1-col\" ><div class='pt-cv-ifield'><a href=\"https:\/\/www.dmsjuridica.com\/buscador_20179478954\/corteconstitucionalcronologico202454587\/t-082-97\/\" class=\"_self pt-cv-href-thumbnail pt-cv-thumb-default\" target=\"_self\" ><\/a>\n<div class=\"pt-cv-taxoterm above_title\"><a href='https:\/\/www.dmsjuridica.com\/buscador_20179478954\/corteconstitucionalcronologico202454587\/category\/buscar-en-toda-la-corte\/1997\/tutelas-1997\/' title='Tutelas 1997' class='pt-cv-tax-tutelas-1997'>Tutelas 1997<\/a><\/div>\n<h4 class=\"pt-cv-title\"><a href=\"https:\/\/www.dmsjuridica.com\/buscador_20179478954\/corteconstitucionalcronologico202454587\/t-082-97\/\" class=\"_self\" target=\"_self\" >T 082 97<\/a><\/h4>\n<div class=\"pt-cv-content\">T-082-97 Sentencia T-082\/97 AGENCIA OFICIOSA EN TUTELA-Presupuestos\/AGENCIA OFICIOSA EN TUTELA-Indebida legitimaci\u00f3n por activa Los presupuestos esenciales para la utilizaci\u00f3n de la agencia oficiosa se resumen en una situaci\u00f3n cierta de imposibilidad del titular de los derechos fundamentales vulnerados o amenazados de defender el propio inter\u00e9s y en la condici\u00f3n a cargo del agente oficioso de dar a conocer esa situaci\u00f3n al juez ante el cual promueve la acci\u00f3n, en el momento de presentaci\u00f3n de la solicitud. Adicionalmente, la agencia oficiosa s\u00f3lo se justifica en la medida en que el agente oficioso procure hacer valer el inter\u00e9s del titular de los ...<br \/><div class=\"pt-cv-rmwrap\"><a href=\"https:\/\/www.dmsjuridica.com\/buscador_20179478954\/corteconstitucionalcronologico202454587\/t-082-97\/\" class=\"_self pt-cv-readmore btn btn-success\" target=\"_self\">Ver Sentencia Completa...<\/a><\/div><\/div><\/div><\/div>\n<div class=\"col-md-12 col-sm-12 col-xs-12 pt-cv-content-item pt-cv-1-col\" ><div class='pt-cv-ifield'><a href=\"https:\/\/www.dmsjuridica.com\/buscador_20179478954\/corteconstitucionalcronologico202454587\/t-081-97\/\" class=\"_self pt-cv-href-thumbnail pt-cv-thumb-default\" target=\"_self\" ><\/a>\n<div class=\"pt-cv-taxoterm above_title\"><a href='https:\/\/www.dmsjuridica.com\/buscador_20179478954\/corteconstitucionalcronologico202454587\/category\/buscar-en-toda-la-corte\/1997\/tutelas-1997\/' title='Tutelas 1997' class='pt-cv-tax-tutelas-1997'>Tutelas 1997<\/a><\/div>\n<h4 class=\"pt-cv-title\"><a href=\"https:\/\/www.dmsjuridica.com\/buscador_20179478954\/corteconstitucionalcronologico202454587\/t-081-97\/\" class=\"_self\" target=\"_self\" >T 081 97<\/a><\/h4>\n<div class=\"pt-cv-content\">T-081-97 Sentencia T-081\/97 FUNCION ADMINISTRATIVA-Ineficacia\/MUNICIPAL-No pago oportuno de prestaciones y salarios Probado como est\u00e1 que la administraci\u00f3n municipal ha demorado durante varios meses no solamente las prestaciones debidas a sus trabajadores sino inclusive los salarios que a \u00e9stos corresponden, aparece clara su ineficacia en el cumplimiento de las funciones a ella confiadas, con lo cual ha afectado sin duda derechos fundamentales de los servidores p\u00fablicos que devengan su sustento de la vinculaci\u00f3n laboral establecida, as\u00ed como los de sus familiares. No es comprensible que algo tan elemental como el necesario pago de la n\u00f3mina municipal no haya sido previsto presupuestalmente ...<br \/><div class=\"pt-cv-rmwrap\"><a href=\"https:\/\/www.dmsjuridica.com\/buscador_20179478954\/corteconstitucionalcronologico202454587\/t-081-97\/\" class=\"_self pt-cv-readmore btn btn-success\" target=\"_self\">Ver Sentencia Completa...<\/a><\/div><\/div><\/div><\/div>\n<div class=\"col-md-12 col-sm-12 col-xs-12 pt-cv-content-item pt-cv-1-col\" ><div class='pt-cv-ifield'><a href=\"https:\/\/www.dmsjuridica.com\/buscador_20179478954\/corteconstitucionalcronologico202454587\/t-080-97\/\" class=\"_self pt-cv-href-thumbnail pt-cv-thumb-default\" target=\"_self\" ><\/a>\n<div class=\"pt-cv-taxoterm above_title\"><a href='https:\/\/www.dmsjuridica.com\/buscador_20179478954\/corteconstitucionalcronologico202454587\/category\/buscar-en-toda-la-corte\/1997\/tutelas-1997\/' title='Tutelas 1997' class='pt-cv-tax-tutelas-1997'>Tutelas 1997<\/a><\/div>\n<h4 class=\"pt-cv-title\"><a href=\"https:\/\/www.dmsjuridica.com\/buscador_20179478954\/corteconstitucionalcronologico202454587\/t-080-97\/\" class=\"_self\" target=\"_self\" >T 080 97<\/a><\/h4>\n<div class=\"pt-cv-content\">T-080-97 Sentencia T-080\/97 DERECHO A LA SALUD-Tratamiento m\u00e9dico como obligaci\u00f3n de medio La cr\u00edtica se refiere al tratamiento m\u00e9dico que se hizo. Siendo ello as\u00ed, hay que recordar que tal obligaci\u00f3n m\u00e9dica es de medio y no de resultado y que por medio de tutela no se puede se\u00f1alar un cambio de comportamiento en el tratamiento de un paciente salvo cuando no ha habido consentimiento informado de \u00e9ste, salvo que f\u00edsicamente no hubiera estado capacitado para darlo y si verdad corriera eminente peligro, pero, en el presente caso ello no ocurri\u00f3 porque el paciente entr\u00f3 por sus propios medios. Por ...<br \/><div class=\"pt-cv-rmwrap\"><a href=\"https:\/\/www.dmsjuridica.com\/buscador_20179478954\/corteconstitucionalcronologico202454587\/t-080-97\/\" class=\"_self pt-cv-readmore btn btn-success\" target=\"_self\">Ver Sentencia Completa...<\/a><\/div><\/div><\/div><\/div>\n<div class=\"col-md-12 col-sm-12 col-xs-12 pt-cv-content-item pt-cv-1-col\" ><div class='pt-cv-ifield'><a href=\"https:\/\/www.dmsjuridica.com\/buscador_20179478954\/corteconstitucionalcronologico202454587\/t-074-97\/\" class=\"_self pt-cv-href-thumbnail pt-cv-thumb-default\" target=\"_self\" ><\/a>\n<div class=\"pt-cv-taxoterm above_title\"><a href='https:\/\/www.dmsjuridica.com\/buscador_20179478954\/corteconstitucionalcronologico202454587\/category\/buscar-en-toda-la-corte\/1997\/tutelas-1997\/' title='Tutelas 1997' class='pt-cv-tax-tutelas-1997'>Tutelas 1997<\/a><\/div>\n<h4 class=\"pt-cv-title\"><a href=\"https:\/\/www.dmsjuridica.com\/buscador_20179478954\/corteconstitucionalcronologico202454587\/t-074-97\/\" class=\"_self\" target=\"_self\" >T 074 97<\/a><\/h4>\n<div class=\"pt-cv-content\">T-074-97 Sentencia T-074\/97 DERECHO DE PETICION-Alcance Esta Corporaci\u00f3n ha manifestado que el derecho de petici\u00f3n goza de la naturaleza de fundamental, fue consagrado como un derecho de los ciudadanos tendiente a morigerar el poder omnimodo del Estado, es decir, es un instrumento de particular importancia para que la sociedad civil pueda controlar a sus autoridades y hacer valer sus derechos; igualmente, este derecho ha dejado de ser expresi\u00f3n formal de la facultad ciudadana de elevar solicitudes a las autoridades para pasar a garantizar los intereses ciudadanos y los derechos subjetivos, como elemento fundamental de la democracia participativa por ende, la ...<br \/><div class=\"pt-cv-rmwrap\"><a href=\"https:\/\/www.dmsjuridica.com\/buscador_20179478954\/corteconstitucionalcronologico202454587\/t-074-97\/\" class=\"_self pt-cv-readmore btn btn-success\" target=\"_self\">Ver Sentencia Completa...<\/a><\/div><\/div><\/div><\/div>\n<div class=\"col-md-12 col-sm-12 col-xs-12 pt-cv-content-item pt-cv-1-col\" ><div class='pt-cv-ifield'><a href=\"https:\/\/www.dmsjuridica.com\/buscador_20179478954\/corteconstitucionalcronologico202454587\/t-073-97\/\" class=\"_self pt-cv-href-thumbnail pt-cv-thumb-default\" target=\"_self\" ><\/a>\n<div class=\"pt-cv-taxoterm above_title\"><a href='https:\/\/www.dmsjuridica.com\/buscador_20179478954\/corteconstitucionalcronologico202454587\/category\/buscar-en-toda-la-corte\/1997\/tutelas-1997\/' title='Tutelas 1997' class='pt-cv-tax-tutelas-1997'>Tutelas 1997<\/a><\/div>\n<h4 class=\"pt-cv-title\"><a href=\"https:\/\/www.dmsjuridica.com\/buscador_20179478954\/corteconstitucionalcronologico202454587\/t-073-97\/\" class=\"_self\" target=\"_self\" >T 073 97<\/a><\/h4>\n<div class=\"pt-cv-content\">T-073-97 DEBIDO PROCESO-Alcance La Constituci\u00f3n consagr\u00f3 el derecho fundamental al debido proceso, entendido \u00e9ste como el conjunto de garant\u00edas que procuran la protecci\u00f3n del individuo incurso en una actuaci\u00f3n judicial o administrativa, para que durante su tr\u00e1mite se respeten las formalidades propias de cada juicio. La norma constitucional lo consagra para todo tipo de actuaciones, de manera que las situaciones de controversia que se presenten en cualquier proceso est\u00e9n previamente reguladas en el ordenamiento jur\u00eddico, el cual debe se\u00f1alar las pautas que procuren el respeto de los derechos y obligaciones de las partes procesales para que ninguna actuaci\u00f3n de las ...<br \/><div class=\"pt-cv-rmwrap\"><a href=\"https:\/\/www.dmsjuridica.com\/buscador_20179478954\/corteconstitucionalcronologico202454587\/t-073-97\/\" class=\"_self pt-cv-readmore btn btn-success\" target=\"_self\">Ver Sentencia Completa...<\/a><\/div><\/div><\/div><\/div>\n<div class=\"col-md-12 col-sm-12 col-xs-12 pt-cv-content-item pt-cv-1-col\" ><div class='pt-cv-ifield'><a href=\"https:\/\/www.dmsjuridica.com\/buscador_20179478954\/corteconstitucionalcronologico202454587\/t-072-97\/\" class=\"_self pt-cv-href-thumbnail pt-cv-thumb-default\" target=\"_self\" ><\/a>\n<div class=\"pt-cv-taxoterm above_title\"><a href='https:\/\/www.dmsjuridica.com\/buscador_20179478954\/corteconstitucionalcronologico202454587\/category\/buscar-en-toda-la-corte\/1997\/tutelas-1997\/' title='Tutelas 1997' class='pt-cv-tax-tutelas-1997'>Tutelas 1997<\/a><\/div>\n<h4 class=\"pt-cv-title\"><a href=\"https:\/\/www.dmsjuridica.com\/buscador_20179478954\/corteconstitucionalcronologico202454587\/t-072-97\/\" class=\"_self\" target=\"_self\" >T 072 97<\/a><\/h4>\n<div class=\"pt-cv-content\">T-072-97 Sentencia T-072\/97 DERECHO A LA SEGURIDAD SOCIAL-Obligaci\u00f3n de afiliar al trabajador\/DERECHO A LA SALUD-Omisi\u00f3n patronal de aportes\/EMPLEADOR-Mora de aportes en salud La seguridad social constituye una garant\u00eda irrenunciable de los trabajadores, que impone a los patronos la obligaci\u00f3n de afiliar a sus empleados a una entidad prestadora de los servicios de seguridad social. De no hacerlo, aquellos asumen directamente la responsabilidad de prestar el servicio. Si a pesar de afiliar a sus trabajadores los patronos no cumplen con la obligaci\u00f3n de cancelar los aportes, las consecuencias legales de esa renuencia no pueden afectar el derecho fundamental del trabajador a ...<br \/><div class=\"pt-cv-rmwrap\"><a href=\"https:\/\/www.dmsjuridica.com\/buscador_20179478954\/corteconstitucionalcronologico202454587\/t-072-97\/\" class=\"_self pt-cv-readmore btn btn-success\" target=\"_self\">Ver Sentencia Completa...<\/a><\/div><\/div><\/div><\/div>\n<div class=\"col-md-12 col-sm-12 col-xs-12 pt-cv-content-item pt-cv-1-col\" ><div class='pt-cv-ifield'><a href=\"https:\/\/www.dmsjuridica.com\/buscador_20179478954\/corteconstitucionalcronologico202454587\/t-071-97\/\" class=\"_self pt-cv-href-thumbnail pt-cv-thumb-default\" target=\"_self\" ><\/a>\n<div class=\"pt-cv-taxoterm above_title\"><a href='https:\/\/www.dmsjuridica.com\/buscador_20179478954\/corteconstitucionalcronologico202454587\/category\/buscar-en-toda-la-corte\/1997\/tutelas-1997\/' title='Tutelas 1997' class='pt-cv-tax-tutelas-1997'>Tutelas 1997<\/a><\/div>\n<h4 class=\"pt-cv-title\"><a href=\"https:\/\/www.dmsjuridica.com\/buscador_20179478954\/corteconstitucionalcronologico202454587\/t-071-97\/\" class=\"_self\" target=\"_self\" >T 071 97<\/a><\/h4>\n<div class=\"pt-cv-content\">T-071-97 Sentencia T-071\/97 DERECHO AL AMBIENTE SANO-Inactividad de la administraci\u00f3n\/DERECHO A LA SALUD-Represamiento de aguas negras Se aprovecha la inactividad de la administraci\u00f3n para mantener una situaci\u00f3n que afecta de manera grave a los residentes del sector, quienes deben continuar resistiendo la incomodidad que genera la contaminaci\u00f3n del ambiente y malos olores que rodean sus residencias. La conducta del particular, vulnera no solo el derecho a la salud y a un ambiente sano, sino tambi\u00e9n el derecho a la intimidad. Referencia: Expediente T-110 098 Santaf\u00e9 de Bogot\u00e1 , D.C. febrero diecisiete (17) de mil novecientos noventa y siete (1997). El ...<br \/><div class=\"pt-cv-rmwrap\"><a href=\"https:\/\/www.dmsjuridica.com\/buscador_20179478954\/corteconstitucionalcronologico202454587\/t-071-97\/\" class=\"_self pt-cv-readmore btn btn-success\" target=\"_self\">Ver Sentencia Completa...<\/a><\/div><\/div><\/div><\/div>\n<div class=\"col-md-12 col-sm-12 col-xs-12 pt-cv-content-item pt-cv-1-col\" ><div class='pt-cv-ifield'><a href=\"https:\/\/www.dmsjuridica.com\/buscador_20179478954\/corteconstitucionalcronologico202454587\/t-070-97\/\" class=\"_self pt-cv-href-thumbnail pt-cv-thumb-default\" target=\"_self\" ><\/a>\n<div class=\"pt-cv-taxoterm above_title\"><a href='https:\/\/www.dmsjuridica.com\/buscador_20179478954\/corteconstitucionalcronologico202454587\/category\/buscar-en-toda-la-corte\/1997\/tutelas-1997\/' title='Tutelas 1997' class='pt-cv-tax-tutelas-1997'>Tutelas 1997<\/a><\/div>\n<h4 class=\"pt-cv-title\"><a href=\"https:\/\/www.dmsjuridica.com\/buscador_20179478954\/corteconstitucionalcronologico202454587\/t-070-97\/\" class=\"_self\" target=\"_self\" >T 070 97<\/a><\/h4>\n<div class=\"pt-cv-content\">T-070-97 Sentencia T-070\/97 PRESUNCION DE INDEFENSION DEL MENOR\/ACCION DE TUTELA CONTRA PARTICULARES-Presentaci\u00f3n por menor de edad Desde el punto de vista de la situaci\u00f3n del menor que instaura la tutela, en principio, la acci\u00f3n ser\u00eda procedente porque se dirige contra un particular frente al cual el ni\u00f1o se encuentra en estado de indefensi\u00f3n o subordinaci\u00f3n en la medida en que no est\u00e1 en condiciones de desconocer la orden impartida por la Junta Administradora del conjunto. Adem\u00e1s, se presume la indefensi\u00f3n del menor. JUNTA ADMINISTRADORA DE URBANIZACION-Proporcionalidad de medidas adoptadas\/JUNTA ADMINISTRADORA DE URBANIZACION-Racionalidad en protecci\u00f3n de jardines La construcci\u00f3n del cerramiento ...<br \/><div class=\"pt-cv-rmwrap\"><a href=\"https:\/\/www.dmsjuridica.com\/buscador_20179478954\/corteconstitucionalcronologico202454587\/t-070-97\/\" class=\"_self pt-cv-readmore btn btn-success\" target=\"_self\">Ver Sentencia Completa...<\/a><\/div><\/div><\/div><\/div>\n<div class=\"col-md-12 col-sm-12 col-xs-12 pt-cv-content-item pt-cv-1-col\" ><div class='pt-cv-ifield'><a href=\"https:\/\/www.dmsjuridica.com\/buscador_20179478954\/corteconstitucionalcronologico202454587\/t-069-97\/\" class=\"_self pt-cv-href-thumbnail pt-cv-thumb-default\" target=\"_self\" ><\/a>\n<div class=\"pt-cv-taxoterm above_title\"><a href='https:\/\/www.dmsjuridica.com\/buscador_20179478954\/corteconstitucionalcronologico202454587\/category\/buscar-en-toda-la-corte\/1997\/tutelas-1997\/' title='Tutelas 1997' class='pt-cv-tax-tutelas-1997'>Tutelas 1997<\/a><\/div>\n<h4 class=\"pt-cv-title\"><a href=\"https:\/\/www.dmsjuridica.com\/buscador_20179478954\/corteconstitucionalcronologico202454587\/t-069-97\/\" class=\"_self\" target=\"_self\" >T 069 97<\/a><\/h4>\n<div class=\"pt-cv-content\">T-069-97 Sentencia T-069\/97 DERECHO DE PETICION-Pronta resoluci\u00f3n El derecho de petici\u00f3n, incluye no s\u00f3lo la posibilidad de que las personas puedan dirigirse a las autoridades publicas, en inter\u00e9s particular o general, sino tambi\u00e9n a que se d\u00e9 una respuesta clara y precisa, del asunto sometido a su consideraci\u00f3n, dentro del termino legalmente establecido para ello. Por lo tanto, cuando la autoridad omite resolver de fondo el asunto planteado, vulnera el derecho cuyo n\u00facleo esencial comprende una pronta resoluci\u00f3n. SILENCIO ADMINISTRATIVO NEGATIVO-Resoluci\u00f3n de solicitudes Esta Sala no comparte el criterio, en el sentido de que la figura del silencio administrativo negativo, ...<br \/><div class=\"pt-cv-rmwrap\"><a href=\"https:\/\/www.dmsjuridica.com\/buscador_20179478954\/corteconstitucionalcronologico202454587\/t-069-97\/\" class=\"_self pt-cv-readmore btn btn-success\" target=\"_self\">Ver Sentencia Completa...<\/a><\/div><\/div><\/div><\/div>\n<div class=\"col-md-12 col-sm-12 col-xs-12 pt-cv-content-item pt-cv-1-col\" ><div class='pt-cv-ifield'><a href=\"https:\/\/www.dmsjuridica.com\/buscador_20179478954\/corteconstitucionalcronologico202454587\/t-068-97\/\" class=\"_self pt-cv-href-thumbnail pt-cv-thumb-default\" target=\"_self\" ><\/a>\n<div class=\"pt-cv-taxoterm above_title\"><a href='https:\/\/www.dmsjuridica.com\/buscador_20179478954\/corteconstitucionalcronologico202454587\/category\/buscar-en-toda-la-corte\/1997\/tutelas-1997\/' title='Tutelas 1997' class='pt-cv-tax-tutelas-1997'>Tutelas 1997<\/a><\/div>\n<h4 class=\"pt-cv-title\"><a href=\"https:\/\/www.dmsjuridica.com\/buscador_20179478954\/corteconstitucionalcronologico202454587\/t-068-97\/\" class=\"_self\" target=\"_self\" >T 068 97<\/a><\/h4>\n<div class=\"pt-cv-content\">T-068-97 Sentencia T-068\/97 DESACATO DE TUTELA-Incumplimiento de cualquier orden El art\u00edculo 52 del decreto 2591 de 1991 alude a cualquier orden proferida dentro del tr\u00e1mite de la acci\u00f3n de tutela, incluida la que se imparta en la sentencia favorable a las pretensiones del afectado en sus derechos constitucionales fundamentales. PROCEDIMIENTOS CONSTITUCIONALES EN TUTELA-Alcance\/DESACATO DE TUTELA POR ALCALDE-Permanencia de circunstancias Es sabido que los procedimientos y sobre todo los constitucionales dirigidos a la protecci\u00f3n de los derechos fundamentales, en raz\u00f3n de la importancia del objeto jur\u00eddico protegido, est\u00e1n llamados a lograr su cometido. Trat\u00e1ndose de la tutela ese cometido no es ...<br \/><div class=\"pt-cv-rmwrap\"><a href=\"https:\/\/www.dmsjuridica.com\/buscador_20179478954\/corteconstitucionalcronologico202454587\/t-068-97\/\" class=\"_self pt-cv-readmore btn btn-success\" target=\"_self\">Ver Sentencia Completa...<\/a><\/div><\/div><\/div><\/div>\n<div class=\"col-md-12 col-sm-12 col-xs-12 pt-cv-content-item pt-cv-1-col\" ><div class='pt-cv-ifield'><a href=\"https:\/\/www.dmsjuridica.com\/buscador_20179478954\/corteconstitucionalcronologico202454587\/t-061-97\/\" class=\"_self pt-cv-href-thumbnail pt-cv-thumb-default\" target=\"_self\" ><\/a>\n<div class=\"pt-cv-taxoterm above_title\"><a href='https:\/\/www.dmsjuridica.com\/buscador_20179478954\/corteconstitucionalcronologico202454587\/category\/buscar-en-toda-la-corte\/1997\/tutelas-1997\/' title='Tutelas 1997' class='pt-cv-tax-tutelas-1997'>Tutelas 1997<\/a><\/div>\n<h4 class=\"pt-cv-title\"><a href=\"https:\/\/www.dmsjuridica.com\/buscador_20179478954\/corteconstitucionalcronologico202454587\/t-061-97\/\" class=\"_self\" target=\"_self\" >T 061 97<\/a><\/h4>\n<div class=\"pt-cv-content\">T-061-97 Sentencia T-061\/97 PACTO Y CONVENCION COLECTIVA-Igualdad de condiciones laborales\/TRABAJADOR SINDICALIZADO-Igualdad de condiciones laborales Cuando en una empresa coexiste una convenci\u00f3n colectiva y un pacto colectivo, no puede plantearse una discriminaci\u00f3n salarial, laboral o prestacional entre los trabajadores, en raz\u00f3n de su pertenencia o no a un sindicato. Dicho trato deber\u00e1 responder \u00fanicamente al criterio de igualdad, sin plantearse por lo tanto, discriminaci\u00f3n de ninguna \u00edndole. Las condiciones laborales que se ofrezcan tanto a los trabajadores adherentes al pacto o convenci\u00f3n colectiva, deber\u00e1n ser las mismas, y las eventuales diferencias deben estar sustentadas de manera seria, coherente, y razonable. Trat\u00e1ndose ...<br \/><div class=\"pt-cv-rmwrap\"><a href=\"https:\/\/www.dmsjuridica.com\/buscador_20179478954\/corteconstitucionalcronologico202454587\/t-061-97\/\" class=\"_self pt-cv-readmore btn btn-success\" target=\"_self\">Ver Sentencia Completa...<\/a><\/div><\/div><\/div><\/div>\n<div class=\"col-md-12 col-sm-12 col-xs-12 pt-cv-content-item pt-cv-1-col\" ><div class='pt-cv-ifield'><a href=\"https:\/\/www.dmsjuridica.com\/buscador_20179478954\/corteconstitucionalcronologico202454587\/t-060-97\/\" class=\"_self pt-cv-href-thumbnail pt-cv-thumb-default\" target=\"_self\" ><\/a>\n<div class=\"pt-cv-taxoterm above_title\"><a href='https:\/\/www.dmsjuridica.com\/buscador_20179478954\/corteconstitucionalcronologico202454587\/category\/buscar-en-toda-la-corte\/1997\/tutelas-1997\/' title='Tutelas 1997' class='pt-cv-tax-tutelas-1997'>Tutelas 1997<\/a><\/div>\n<h4 class=\"pt-cv-title\"><a href=\"https:\/\/www.dmsjuridica.com\/buscador_20179478954\/corteconstitucionalcronologico202454587\/t-060-97\/\" class=\"_self\" target=\"_self\" >T 060 97<\/a><\/h4>\n<div class=\"pt-cv-content\">T-060-97 Sentencia T-060\/97 PRINCIPIO DE CONTINUIDAD EN EL SERVICIO DE SALUD-Exclusi\u00f3n por falta de valoraci\u00f3n m\u00e9dica\/DERECHO A LA VIDA-Suspensi\u00f3n servicio m\u00e9dico en incapacitado Es obligaci\u00f3n primordial, tanto, de las entidades estatales como de los particulares que participen en la prestaci\u00f3n del servicio p\u00fablico de salud, garantizar su continuidad. Primero debe ser la valoraci\u00f3n m\u00e9dica y luego la exclusi\u00f3n del sistema, si es que da lugar a ello. Pero no al rev\u00e9s: quitarle el servicio y luego obligarla a tr\u00e1mites burocr\u00e1ticos para readquirirlo, ya que esto atenta contra la continuidad del servicio de salud. Como se rompi\u00f3 la continuidad, hay la ...<br \/><div class=\"pt-cv-rmwrap\"><a href=\"https:\/\/www.dmsjuridica.com\/buscador_20179478954\/corteconstitucionalcronologico202454587\/t-060-97\/\" class=\"_self pt-cv-readmore btn btn-success\" target=\"_self\">Ver Sentencia Completa...<\/a><\/div><\/div><\/div><\/div>\n<div class=\"col-md-12 col-sm-12 col-xs-12 pt-cv-content-item pt-cv-1-col\" ><div class='pt-cv-ifield'><a href=\"https:\/\/www.dmsjuridica.com\/buscador_20179478954\/corteconstitucionalcronologico202454587\/t-059-97\/\" class=\"_self pt-cv-href-thumbnail pt-cv-thumb-default\" target=\"_self\" ><\/a>\n<div class=\"pt-cv-taxoterm above_title\"><a href='https:\/\/www.dmsjuridica.com\/buscador_20179478954\/corteconstitucionalcronologico202454587\/category\/buscar-en-toda-la-corte\/1997\/tutelas-1997\/' title='Tutelas 1997' class='pt-cv-tax-tutelas-1997'>Tutelas 1997<\/a><\/div>\n<h4 class=\"pt-cv-title\"><a href=\"https:\/\/www.dmsjuridica.com\/buscador_20179478954\/corteconstitucionalcronologico202454587\/t-059-97\/\" class=\"_self\" target=\"_self\" >T 059 97<\/a><\/h4>\n<div class=\"pt-cv-content\">T-059-97 Sentencia T-059\/97 PRINCIPIO DE CONTINUIDAD EN EL SERVICIO DE SALUD Uno de los caracteres esenciales de la noci\u00f3n de servicio p\u00fablico es su continuidad. Esto significa que la prestaci\u00f3n respectiva no debe ser interrumpida siempre y cuando se den los presupuestos de razonabilidad para que el servicio se preste. Pero, la noci\u00f3n de continuidad no conlleva una definici\u00f3n absoluta, pues puede ser relativa, esta condici\u00f3n depender\u00e1 de cada caso concreto. Resulta claro que quien presta o realiza el servicio no debe efectuar acto alguno que pueda comprometer la continuidad del servicio p\u00fablico de salud y, en consecuencia la eficiencia ...<br \/><div class=\"pt-cv-rmwrap\"><a href=\"https:\/\/www.dmsjuridica.com\/buscador_20179478954\/corteconstitucionalcronologico202454587\/t-059-97\/\" class=\"_self pt-cv-readmore btn btn-success\" target=\"_self\">Ver Sentencia Completa...<\/a><\/div><\/div><\/div><\/div>\n<div class=\"col-md-12 col-sm-12 col-xs-12 pt-cv-content-item pt-cv-1-col\" ><div class='pt-cv-ifield'><a href=\"https:\/\/www.dmsjuridica.com\/buscador_20179478954\/corteconstitucionalcronologico202454587\/t-058-97\/\" class=\"_self pt-cv-href-thumbnail pt-cv-thumb-default\" target=\"_self\" ><\/a>\n<div class=\"pt-cv-taxoterm above_title\"><a href='https:\/\/www.dmsjuridica.com\/buscador_20179478954\/corteconstitucionalcronologico202454587\/category\/buscar-en-toda-la-corte\/1997\/tutelas-1997\/' title='Tutelas 1997' class='pt-cv-tax-tutelas-1997'>Tutelas 1997<\/a><\/div>\n<h4 class=\"pt-cv-title\"><a href=\"https:\/\/www.dmsjuridica.com\/buscador_20179478954\/corteconstitucionalcronologico202454587\/t-058-97\/\" class=\"_self\" target=\"_self\" >T 058 97<\/a><\/h4>\n<div class=\"pt-cv-content\">T-058-97 ESTADO-Condiciones m\u00ednimas de justicia material\/SERVICIOS PUBLICOS-Prestaci\u00f3n eficiente\/FUNCION PUBLICA-Ejercicio Aunque el Estado no est\u00e1 llamado a garantizar la plena satisfacci\u00f3n de las necesidades de los ciudadanos, por lo menos debe asegurar unas condiciones m\u00ednimas de justicia material a sus miembros, m\u00e1s a\u00fan, en el marco normativo de un Estado social de derecho, en donde el cumplimiento de los deberes sociales del Estado y los particulares se presenta como una exigencia perentoria. Uno de los mecanismos gubernamentales para cumplir con este deber es la adecuada prestaci\u00f3n de los servicios p\u00fablicos. El Estado debe garantizar que en la prestaci\u00f3n de un servicio ...<br \/><div class=\"pt-cv-rmwrap\"><a href=\"https:\/\/www.dmsjuridica.com\/buscador_20179478954\/corteconstitucionalcronologico202454587\/t-058-97\/\" class=\"_self pt-cv-readmore btn btn-success\" target=\"_self\">Ver Sentencia Completa...<\/a><\/div><\/div><\/div><\/div>\n<div class=\"col-md-12 col-sm-12 col-xs-12 pt-cv-content-item pt-cv-1-col\" ><div class='pt-cv-ifield'><a href=\"https:\/\/www.dmsjuridica.com\/buscador_20179478954\/corteconstitucionalcronologico202454587\/t-057-97\/\" class=\"_self pt-cv-href-thumbnail pt-cv-thumb-default\" target=\"_self\" ><\/a>\n<div class=\"pt-cv-taxoterm above_title\"><a href='https:\/\/www.dmsjuridica.com\/buscador_20179478954\/corteconstitucionalcronologico202454587\/category\/buscar-en-toda-la-corte\/1997\/tutelas-1997\/' title='Tutelas 1997' class='pt-cv-tax-tutelas-1997'>Tutelas 1997<\/a><\/div>\n<h4 class=\"pt-cv-title\"><a href=\"https:\/\/www.dmsjuridica.com\/buscador_20179478954\/corteconstitucionalcronologico202454587\/t-057-97\/\" class=\"_self\" target=\"_self\" >T 057 97<\/a><\/h4>\n<div class=\"pt-cv-content\">T-057-97 Sentencia T-057\/97 VIA DE HECHO-Agotamiento de mecanismos judiciales alternos En aquellos casos en los que el juez de tutela verifica que la autoridad judicial demandada efectivamente incurri\u00f3 en una v\u00eda de hecho, se puede afirmar que se cumple con un requisito necesario para que la acci\u00f3n proceda; sin embargo, tal requisito no es suficiente para otorgar el amparo judicial a los derechos fundamentales reclamados por el actor, pues \u00e9ste a\u00fan puede acudir a mecanismos judiciales alternos a la tutela para procurar la defensa de los derechos que le hayan sido conculcados, o pudiendo haberlo hecho dej\u00f3 precluir los t\u00e9rminos, ...<br \/><div class=\"pt-cv-rmwrap\"><a href=\"https:\/\/www.dmsjuridica.com\/buscador_20179478954\/corteconstitucionalcronologico202454587\/t-057-97\/\" class=\"_self pt-cv-readmore btn btn-success\" target=\"_self\">Ver Sentencia Completa...<\/a><\/div><\/div><\/div><\/div>\n<div class=\"col-md-12 col-sm-12 col-xs-12 pt-cv-content-item pt-cv-1-col\" ><div class='pt-cv-ifield'><a href=\"https:\/\/www.dmsjuridica.com\/buscador_20179478954\/corteconstitucionalcronologico202454587\/t-056-97\/\" class=\"_self pt-cv-href-thumbnail pt-cv-thumb-default\" target=\"_self\" ><\/a>\n<div class=\"pt-cv-taxoterm above_title\"><a href='https:\/\/www.dmsjuridica.com\/buscador_20179478954\/corteconstitucionalcronologico202454587\/category\/buscar-en-toda-la-corte\/1997\/tutelas-1997\/' title='Tutelas 1997' class='pt-cv-tax-tutelas-1997'>Tutelas 1997<\/a><\/div>\n<h4 class=\"pt-cv-title\"><a href=\"https:\/\/www.dmsjuridica.com\/buscador_20179478954\/corteconstitucionalcronologico202454587\/t-056-97\/\" class=\"_self\" target=\"_self\" >T 056 97<\/a><\/h4>\n<div class=\"pt-cv-content\">T-056-97 Sentencia T-056\/97 SENTENCIA INHIBITORIA-Prohibici\u00f3n en tutela\/DOCTRINA CONSTITUCIONAL-Cumplimiento obligatorio Le merecen gran respeto a la Sala las consideraciones que la Sala Plena Laboral de la Corte Suprema de Justicia hace en torno a las sentencias inhibitorias, pero no las comparte, por que ellas son un trasunto fiel de la concepci\u00f3n tradicional sobre la materia. Sin embargo, dichas consideraciones no se adecuan a la filosof\u00eda que inspira la nueva Constituci\u00f3n en cuanto a la efectividad, goce y vigencia de los derechos constitucionales fundamentales que corresponde al juez de tutela convertir en una realidad viviente, lo cual ha determinado que el par\u00e1grafo ...<br \/><div class=\"pt-cv-rmwrap\"><a href=\"https:\/\/www.dmsjuridica.com\/buscador_20179478954\/corteconstitucionalcronologico202454587\/t-056-97\/\" class=\"_self pt-cv-readmore btn btn-success\" target=\"_self\">Ver Sentencia Completa...<\/a><\/div><\/div><\/div><\/div>\n<div class=\"col-md-12 col-sm-12 col-xs-12 pt-cv-content-item pt-cv-1-col\" ><div class='pt-cv-ifield'><a href=\"https:\/\/www.dmsjuridica.com\/buscador_20179478954\/corteconstitucionalcronologico202454587\/t-055-97\/\" class=\"_self pt-cv-href-thumbnail pt-cv-thumb-default\" target=\"_self\" ><\/a>\n<div class=\"pt-cv-taxoterm above_title\"><a href='https:\/\/www.dmsjuridica.com\/buscador_20179478954\/corteconstitucionalcronologico202454587\/category\/buscar-en-toda-la-corte\/1997\/tutelas-1997\/' title='Tutelas 1997' class='pt-cv-tax-tutelas-1997'>Tutelas 1997<\/a><\/div>\n<h4 class=\"pt-cv-title\"><a href=\"https:\/\/www.dmsjuridica.com\/buscador_20179478954\/corteconstitucionalcronologico202454587\/t-055-97\/\" class=\"_self\" target=\"_self\" >T 055 97<\/a><\/h4>\n<div class=\"pt-cv-content\">T-055-97 Sentencia T-055\/97 VIA DE HECHO-Aplicaci\u00f3n excepcional La Corte ha precisado que la figura de la v\u00eda de hecho puede ser aplicada \u00fanicamente de manera excepcional, pues una intromisi\u00f3n permanente del juez constitucional en la esfera de las dem\u00e1s jurisdicciones, adem\u00e1s de propiciar un socavamiento de los \u00e1mbitos propios de cada jurisdicci\u00f3n, constituir\u00eda una violaci\u00f3n del principio de la autonom\u00eda funcional del juez. Es por eso que en el campo de la v\u00eda de hecho esta Corporaci\u00f3n ha se\u00f1alado que \u00e9sta solamente se configura cuando los pronunciamientos judiciales exhiben defectos may\u00fasculos que los alejan de toda noci\u00f3n de la justicia ...<br \/><div class=\"pt-cv-rmwrap\"><a href=\"https:\/\/www.dmsjuridica.com\/buscador_20179478954\/corteconstitucionalcronologico202454587\/t-055-97\/\" class=\"_self pt-cv-readmore btn btn-success\" target=\"_self\">Ver Sentencia Completa...<\/a><\/div><\/div><\/div><\/div>\n<div class=\"col-md-12 col-sm-12 col-xs-12 pt-cv-content-item pt-cv-1-col\" ><div class='pt-cv-ifield'><a href=\"https:\/\/www.dmsjuridica.com\/buscador_20179478954\/corteconstitucionalcronologico202454587\/t-046-97\/\" class=\"_self pt-cv-href-thumbnail pt-cv-thumb-default\" target=\"_self\" ><\/a>\n<div class=\"pt-cv-taxoterm above_title\"><a href='https:\/\/www.dmsjuridica.com\/buscador_20179478954\/corteconstitucionalcronologico202454587\/category\/buscar-en-toda-la-corte\/1997\/tutelas-1997\/' title='Tutelas 1997' class='pt-cv-tax-tutelas-1997'>Tutelas 1997<\/a><\/div>\n<h4 class=\"pt-cv-title\"><a href=\"https:\/\/www.dmsjuridica.com\/buscador_20179478954\/corteconstitucionalcronologico202454587\/t-046-97\/\" class=\"_self\" target=\"_self\" >T 046 97<\/a><\/h4>\n<div class=\"pt-cv-content\">T-046-97 Sentencia T-046\/97 INDIGENCIA-Protecci\u00f3n estatal La indigencia constituye uno de los problemas sociales m\u00e1s notorios y sensibles del pa\u00eds, si se tiene en cuenta que quienes carecen de recursos econ\u00f3micos m\u00ednimos para subsistir, se encuentran igualmente en muchos casos incapacitados para trabajar debido a su edad o estado de salud y, adem\u00e1s, adolecen de una familia que les brinde apoyo tanto material como espiritual. El estado de indigencia atenta contra la eficacia de los derechos fundamentales, lo cual exige del Estado una intervenci\u00f3n directa e inmediata. Es por ello que la Carta de 1991 consagr\u00f3 la obligaci\u00f3n del Estado de ...<br \/><div class=\"pt-cv-rmwrap\"><a href=\"https:\/\/www.dmsjuridica.com\/buscador_20179478954\/corteconstitucionalcronologico202454587\/t-046-97\/\" class=\"_self pt-cv-readmore btn btn-success\" target=\"_self\">Ver Sentencia Completa...<\/a><\/div><\/div><\/div><\/div>\n<div class=\"col-md-12 col-sm-12 col-xs-12 pt-cv-content-item pt-cv-1-col\" ><div class='pt-cv-ifield'><a href=\"https:\/\/www.dmsjuridica.com\/buscador_20179478954\/corteconstitucionalcronologico202454587\/t-045-97\/\" class=\"_self pt-cv-href-thumbnail pt-cv-thumb-default\" target=\"_self\" ><\/a>\n<div class=\"pt-cv-taxoterm above_title\"><a href='https:\/\/www.dmsjuridica.com\/buscador_20179478954\/corteconstitucionalcronologico202454587\/category\/buscar-en-toda-la-corte\/1997\/tutelas-1997\/' title='Tutelas 1997' class='pt-cv-tax-tutelas-1997'>Tutelas 1997<\/a><\/div>\n<h4 class=\"pt-cv-title\"><a href=\"https:\/\/www.dmsjuridica.com\/buscador_20179478954\/corteconstitucionalcronologico202454587\/t-045-97\/\" class=\"_self\" target=\"_self\" >T 045 97<\/a><\/h4>\n<div class=\"pt-cv-content\">T-045-97 Sentencia T-045\/97 MEDIO DE DEFENSA JUDICIAL EFICAZ-Reconocimiento de pensiones\/PENSION DE INVALIDEZ-Improcedencia de reconocimiento por tutela\/MEDIO DE DEFENSA JUDICIAL-Definici\u00f3n de derecho litigioso Si bien es cierto que en determinadas ocasiones, el derecho a la pensi\u00f3n de invalidez adquiere el rango de derecho fundamental, en este caso, mal podr\u00eda revocarse la decisi\u00f3n tomada por el Instituto de Seguros Sociales, al imponerle una carga que en principio no le corresponde, y cuyo conflicto corresponde dirimir a la justicia ordinaria. La v\u00eda adecuada para demandar el reconocimiento y pago de la pensi\u00f3n de invalidez negada, es la acci\u00f3n laboral ordinaria, encargada de resolver ...<br \/><div class=\"pt-cv-rmwrap\"><a href=\"https:\/\/www.dmsjuridica.com\/buscador_20179478954\/corteconstitucionalcronologico202454587\/t-045-97\/\" class=\"_self pt-cv-readmore btn btn-success\" target=\"_self\">Ver Sentencia Completa...<\/a><\/div><\/div><\/div><\/div>\n<div class=\"col-md-12 col-sm-12 col-xs-12 pt-cv-content-item pt-cv-1-col\" ><div class='pt-cv-ifield'><a href=\"https:\/\/www.dmsjuridica.com\/buscador_20179478954\/corteconstitucionalcronologico202454587\/t-044-97\/\" class=\"_self pt-cv-href-thumbnail pt-cv-thumb-default\" target=\"_self\" ><\/a>\n<div class=\"pt-cv-taxoterm above_title\"><a href='https:\/\/www.dmsjuridica.com\/buscador_20179478954\/corteconstitucionalcronologico202454587\/category\/buscar-en-toda-la-corte\/1997\/tutelas-1997\/' title='Tutelas 1997' class='pt-cv-tax-tutelas-1997'>Tutelas 1997<\/a><\/div>\n<h4 class=\"pt-cv-title\"><a href=\"https:\/\/www.dmsjuridica.com\/buscador_20179478954\/corteconstitucionalcronologico202454587\/t-044-97\/\" class=\"_self\" target=\"_self\" >T 044 97<\/a><\/h4>\n<div class=\"pt-cv-content\">T-044-97 Sentencia T-044\/97 DERECHO DE PETICION-Resoluci\u00f3n de fondo\/DERECHO DE PETICION-Contenido de decisi\u00f3n Si la administraci\u00f3n no emite pronunciamiento alguno estaremos en presencia de la vulneraci\u00f3n del derecho de petici\u00f3n, y por ende, de la procedencia de la acci\u00f3n de tutela, como \u00fanico mecanismo para su inmediata y efectiva protecci\u00f3n por ser un derecho de rango fundamental, y por no existir dentro de nuestro ordenamiento un mecanismo judicial expedito para su defensa. Establecida la violaci\u00f3n al derecho de petici\u00f3n, el juez de tutela har\u00e1 efectiva su protecci\u00f3n mediante orden a la entidad obligada para que resuelva acerca de la solicitud y ...<br \/><div class=\"pt-cv-rmwrap\"><a href=\"https:\/\/www.dmsjuridica.com\/buscador_20179478954\/corteconstitucionalcronologico202454587\/t-044-97\/\" class=\"_self pt-cv-readmore btn btn-success\" target=\"_self\">Ver Sentencia Completa...<\/a><\/div><\/div><\/div><\/div>\n<div class=\"col-md-12 col-sm-12 col-xs-12 pt-cv-content-item pt-cv-1-col\" ><div class='pt-cv-ifield'><a href=\"https:\/\/www.dmsjuridica.com\/buscador_20179478954\/corteconstitucionalcronologico202454587\/t-043-97\/\" class=\"_self pt-cv-href-thumbnail pt-cv-thumb-default\" target=\"_self\" ><\/a>\n<div class=\"pt-cv-taxoterm above_title\"><a href='https:\/\/www.dmsjuridica.com\/buscador_20179478954\/corteconstitucionalcronologico202454587\/category\/buscar-en-toda-la-corte\/1997\/tutelas-1997\/' title='Tutelas 1997' class='pt-cv-tax-tutelas-1997'>Tutelas 1997<\/a><\/div>\n<h4 class=\"pt-cv-title\"><a href=\"https:\/\/www.dmsjuridica.com\/buscador_20179478954\/corteconstitucionalcronologico202454587\/t-043-97\/\" class=\"_self\" target=\"_self\" >T 043 97<\/a><\/h4>\n<div class=\"pt-cv-content\">T-043-97 Sentencia T-043\/97 MANUAL DE CONVIVENCIA-Derechos y deberes\/REGLAMENTO EDUCATIVO-Expulsi\u00f3n de estudiante por incumplimiento Referencia: Expediente T-111.136 Santa Fe de Bogot\u00e1, D.C., febrero cinco (5) de mil novecientos noventa y siete (1997). La se\u00f1ora Mercedes Fern\u00e1ndez de S\u00e1nchez, mediante apoderado, instaur\u00f3 acci\u00f3n de tutela en nombre de su hijo menor, contra el Colegio Oficial \u201cMarco Fidel Su\u00e1rez\u201d. Mediante Resoluci\u00f3n No. 008 de 23 de mayo de 1996, el Consejo Directivo del Plantel Educativo accionado, resolvi\u00f3 excluir a varios estudiantes del Colegio. Entre \u00e9stos estudiantes se expuls\u00f3 tambi\u00e9n el hijo de la accionante, por haber participado en una \u201cri\u00f1a\u201d, que hizo necesaria ...<br \/><div class=\"pt-cv-rmwrap\"><a href=\"https:\/\/www.dmsjuridica.com\/buscador_20179478954\/corteconstitucionalcronologico202454587\/t-043-97\/\" class=\"_self pt-cv-readmore btn btn-success\" target=\"_self\">Ver Sentencia Completa...<\/a><\/div><\/div><\/div><\/div>\n<div class=\"col-md-12 col-sm-12 col-xs-12 pt-cv-content-item pt-cv-1-col\" ><div class='pt-cv-ifield'><a href=\"https:\/\/www.dmsjuridica.com\/buscador_20179478954\/corteconstitucionalcronologico202454587\/t-042-97\/\" class=\"_self pt-cv-href-thumbnail pt-cv-thumb-default\" target=\"_self\" ><\/a>\n<div class=\"pt-cv-taxoterm above_title\"><a href='https:\/\/www.dmsjuridica.com\/buscador_20179478954\/corteconstitucionalcronologico202454587\/category\/buscar-en-toda-la-corte\/1997\/tutelas-1997\/' title='Tutelas 1997' class='pt-cv-tax-tutelas-1997'>Tutelas 1997<\/a><\/div>\n<h4 class=\"pt-cv-title\"><a href=\"https:\/\/www.dmsjuridica.com\/buscador_20179478954\/corteconstitucionalcronologico202454587\/t-042-97\/\" class=\"_self\" target=\"_self\" >T 042 97<\/a><\/h4>\n<div class=\"pt-cv-content\">T-042-97 Sentencia T-042\/97 DERECHO DE PETICION-Pronta resoluci\u00f3n\/DERECHO DE PETICION-Resoluci\u00f3n de fondo El derecho de petici\u00f3n es de aplicaci\u00f3n inmediata. Cuando una persona recurre a dicho derecho, la entidad p\u00fablica est\u00e1 obligada a dar una pronta resoluci\u00f3n de lo pedido. La entidad no puede abstenerse de proferir una respuesta motivada suficientemente clara, coherente y precisa que satisfaga al peticionario. Lo que no significa que la respuesta deba ser favorable a lo solicitado. La pronta resoluci\u00f3n hace parte del n\u00facleo esencial del derecho de petici\u00f3n; derecho que resulta vulnerado por la dilaci\u00f3n injustificada de la entidad p\u00fablica. El no observar los t\u00e9rminos ...<br \/><div class=\"pt-cv-rmwrap\"><a href=\"https:\/\/www.dmsjuridica.com\/buscador_20179478954\/corteconstitucionalcronologico202454587\/t-042-97\/\" class=\"_self pt-cv-readmore btn btn-success\" target=\"_self\">Ver Sentencia Completa...<\/a><\/div><\/div><\/div><\/div>\n<div class=\"col-md-12 col-sm-12 col-xs-12 pt-cv-content-item pt-cv-1-col\" ><div class='pt-cv-ifield'><a href=\"https:\/\/www.dmsjuridica.com\/buscador_20179478954\/corteconstitucionalcronologico202454587\/t-041-97\/\" class=\"_self pt-cv-href-thumbnail pt-cv-thumb-default\" target=\"_self\" ><\/a>\n<div class=\"pt-cv-taxoterm above_title\"><a href='https:\/\/www.dmsjuridica.com\/buscador_20179478954\/corteconstitucionalcronologico202454587\/category\/buscar-en-toda-la-corte\/1997\/tutelas-1997\/' title='Tutelas 1997' class='pt-cv-tax-tutelas-1997'>Tutelas 1997<\/a><\/div>\n<h4 class=\"pt-cv-title\"><a href=\"https:\/\/www.dmsjuridica.com\/buscador_20179478954\/corteconstitucionalcronologico202454587\/t-041-97\/\" class=\"_self\" target=\"_self\" >T 041 97<\/a><\/h4>\n<div class=\"pt-cv-content\">T-041-97 Sentencia T-041\/97 ACCION DE TUTELA-Hecho superado Referencia: Expediente T-108765 Afirma el actor que, en la actualidad labora en Almacaf\u00e9 S.A. y pertenece al Sindicato de Trabajadores de la Federaci\u00f3n Nacional de Cafeteros de Colombia (Sintrafec), sindicato que desde 1961 viene pactando con la empresa en forma ininterrumpida, convenciones colectivas de trabajo, que reconocen un mismo trato a los trabajadores sindicalizados frente a los no sindicalizados. Sin embargo, desde el a\u00f1o de 1988 Fedecaf\u00e9 y Almacaf\u00e9 S.A. impusieron a los empleados no sindicalizados, que conforman la mayor\u00eda en la empresa, un \"pacto colectivo de hecho\" denominado \"R\u00e9gimen General\", violentando varias ...<br \/><div class=\"pt-cv-rmwrap\"><a href=\"https:\/\/www.dmsjuridica.com\/buscador_20179478954\/corteconstitucionalcronologico202454587\/t-041-97\/\" class=\"_self pt-cv-readmore btn btn-success\" target=\"_self\">Ver Sentencia Completa...<\/a><\/div><\/div><\/div><\/div>\n<div class=\"col-md-12 col-sm-12 col-xs-12 pt-cv-content-item pt-cv-1-col\" ><div class='pt-cv-ifield'><a href=\"https:\/\/www.dmsjuridica.com\/buscador_20179478954\/corteconstitucionalcronologico202454587\/t-038-97\/\" class=\"_self pt-cv-href-thumbnail pt-cv-thumb-default\" target=\"_self\" ><\/a>\n<div class=\"pt-cv-taxoterm above_title\"><a href='https:\/\/www.dmsjuridica.com\/buscador_20179478954\/corteconstitucionalcronologico202454587\/category\/buscar-en-toda-la-corte\/1997\/tutelas-1997\/' title='Tutelas 1997' class='pt-cv-tax-tutelas-1997'>Tutelas 1997<\/a><\/div>\n<h4 class=\"pt-cv-title\"><a href=\"https:\/\/www.dmsjuridica.com\/buscador_20179478954\/corteconstitucionalcronologico202454587\/t-038-97\/\" class=\"_self\" target=\"_self\" >T 038 97<\/a><\/h4>\n<div class=\"pt-cv-content\">T-038-97 EXPEDIENTE T-106.467 Sentencia T-038\/97 DERECHO DE PETICION-Resoluci\u00f3n de fondo\/JUEZ DE TUTELA-Incompetencia para reconocimiento de pensi\u00f3n Cuando se est\u00e1 frente a una solicitud de reconocimiento de una pensi\u00f3n que no ha recibido respuesta oportuna, el juez de tutela no est\u00e1 facultado para ordenar la expedici\u00f3n del respectivo acto administrativo, pues ello corresponde exclusivamente a la autoridad administrativa. Pero lo que s\u00ed debe hacer el juez constitucional, es proceder a determinar si los t\u00e9rminos establecidos legalmente para dar respuesta al peticionario han sido observados o no, y en caso desfavorable, en aras de proteger el derecho constitucional fundamental de petici\u00f3n, debe ...<br \/><div class=\"pt-cv-rmwrap\"><a href=\"https:\/\/www.dmsjuridica.com\/buscador_20179478954\/corteconstitucionalcronologico202454587\/t-038-97\/\" class=\"_self pt-cv-readmore btn btn-success\" target=\"_self\">Ver Sentencia Completa...<\/a><\/div><\/div><\/div><\/div>\n<div class=\"col-md-12 col-sm-12 col-xs-12 pt-cv-content-item pt-cv-1-col\" ><div class='pt-cv-ifield'><a href=\"https:\/\/www.dmsjuridica.com\/buscador_20179478954\/corteconstitucionalcronologico202454587\/t-037-97\/\" class=\"_self pt-cv-href-thumbnail pt-cv-thumb-default\" target=\"_self\" ><\/a>\n<div class=\"pt-cv-taxoterm above_title\"><a href='https:\/\/www.dmsjuridica.com\/buscador_20179478954\/corteconstitucionalcronologico202454587\/category\/buscar-en-toda-la-corte\/1997\/tutelas-1997\/' title='Tutelas 1997' class='pt-cv-tax-tutelas-1997'>Tutelas 1997<\/a><\/div>\n<h4 class=\"pt-cv-title\"><a href=\"https:\/\/www.dmsjuridica.com\/buscador_20179478954\/corteconstitucionalcronologico202454587\/t-037-97\/\" class=\"_self\" target=\"_self\" >T 037 97<\/a><\/h4>\n<div class=\"pt-cv-content\">T-037-97 Sentencia T-037\/97 DERECHO DE PETICION-Pronta resoluci\u00f3n\/DERECHO DE PETICION-Contenido de decisi\u00f3n El n\u00facleo esencial del derecho de petici\u00f3n reside en la resoluci\u00f3n pronta y oportuna con respecto a la reclamaci\u00f3n elevada que se ha sometido al examen de la respectiva autoridad, pues de nada servir\u00eda dirigirse a la autoridad si \u00e9sta no resuelve o se reserva para s\u00ed el sentido de lo decidido. La respuesta para que sea oportuna en los t\u00e9rminos previstos en las normas constitucionales y legales, tiene que comprender y resolver el fondo de lo pedido y ser comunicada al peticionario, pues en caso contrario se incurre ...<br \/><div class=\"pt-cv-rmwrap\"><a href=\"https:\/\/www.dmsjuridica.com\/buscador_20179478954\/corteconstitucionalcronologico202454587\/t-037-97\/\" class=\"_self pt-cv-readmore btn btn-success\" target=\"_self\">Ver Sentencia Completa...<\/a><\/div><\/div><\/div><\/div>\n<div class=\"col-md-12 col-sm-12 col-xs-12 pt-cv-content-item pt-cv-1-col\" ><div class='pt-cv-ifield'><a href=\"https:\/\/www.dmsjuridica.com\/buscador_20179478954\/corteconstitucionalcronologico202454587\/t-036-97\/\" class=\"_self pt-cv-href-thumbnail pt-cv-thumb-default\" target=\"_self\" ><\/a>\n<div class=\"pt-cv-taxoterm above_title\"><a href='https:\/\/www.dmsjuridica.com\/buscador_20179478954\/corteconstitucionalcronologico202454587\/category\/buscar-en-toda-la-corte\/1997\/tutelas-1997\/' title='Tutelas 1997' class='pt-cv-tax-tutelas-1997'>Tutelas 1997<\/a><\/div>\n<h4 class=\"pt-cv-title\"><a href=\"https:\/\/www.dmsjuridica.com\/buscador_20179478954\/corteconstitucionalcronologico202454587\/t-036-97\/\" class=\"_self\" target=\"_self\" >T 036 97<\/a><\/h4>\n<div class=\"pt-cv-content\">T-036-97 Sentencia T-036\/97 DERECHO DE PETICION-Resoluci\u00f3n material\/DERECHO DE PETICION-Comunicaci\u00f3n de respuesta La existencia de un simple proyecto, al que todav\u00eda no se le ha dado todo el tr\u00e1mite indispensable para que constituya una respuesta definitiva, no puede ser confundido, con la resoluci\u00f3n que la norma constitucional exige. La decisi\u00f3n que el derecho de petici\u00f3n demanda, una vez adoptada, debe ser puesta en conocimiento del interesado, de modo que la administraci\u00f3n no cumple a cabalidad su cometido si resuelve el asunto reserv\u00e1ndose el sentido de lo resuelto, si no da una respuesta que contenga una decisi\u00f3n en sentido material, o si ...<br \/><div class=\"pt-cv-rmwrap\"><a href=\"https:\/\/www.dmsjuridica.com\/buscador_20179478954\/corteconstitucionalcronologico202454587\/t-036-97\/\" class=\"_self pt-cv-readmore btn btn-success\" target=\"_self\">Ver Sentencia Completa...<\/a><\/div><\/div><\/div><\/div>\n<div class=\"col-md-12 col-sm-12 col-xs-12 pt-cv-content-item pt-cv-1-col\" ><div class='pt-cv-ifield'><a href=\"https:\/\/www.dmsjuridica.com\/buscador_20179478954\/corteconstitucionalcronologico202454587\/t-035-97\/\" class=\"_self pt-cv-href-thumbnail pt-cv-thumb-default\" target=\"_self\" ><\/a>\n<div class=\"pt-cv-taxoterm above_title\"><a href='https:\/\/www.dmsjuridica.com\/buscador_20179478954\/corteconstitucionalcronologico202454587\/category\/buscar-en-toda-la-corte\/1997\/tutelas-1997\/' title='Tutelas 1997' class='pt-cv-tax-tutelas-1997'>Tutelas 1997<\/a><\/div>\n<h4 class=\"pt-cv-title\"><a href=\"https:\/\/www.dmsjuridica.com\/buscador_20179478954\/corteconstitucionalcronologico202454587\/t-035-97\/\" class=\"_self\" target=\"_self\" >T 035 97<\/a><\/h4>\n<div class=\"pt-cv-content\">T-035-97 Sentencia T-035\/97 REGIMEN DE PROPIEDAD HORIZONTAL-Caracter\u00edsticas REGLAMENTO DE PROPIEDAD HORIZONTAL-L\u00edmites El contenido del reglamento de copropiedad no podr\u00e1 ir m\u00e1s all\u00e1 de la regulaci\u00f3n de los derechos que exige el mantenimiento de la comunidad, de aquello que resulte necesario para su existencia, seguridad y conservaci\u00f3n, y con las limitaciones establecidas; as\u00ed las cosas, no podr\u00e1n ser oponibles, por virtud del mismo, cl\u00e1usulas relativas a derechos que no trascienden el \u00e1mbito de lo privado y que por tanto forman parte del n\u00facleo esencial de derechos como la intimidad o la autonom\u00eda privada, sobre los cuales se admiten excepciones cuando entran ...<br \/><div class=\"pt-cv-rmwrap\"><a href=\"https:\/\/www.dmsjuridica.com\/buscador_20179478954\/corteconstitucionalcronologico202454587\/t-035-97\/\" class=\"_self pt-cv-readmore btn btn-success\" target=\"_self\">Ver Sentencia Completa...<\/a><\/div><\/div><\/div><\/div>\n<div class=\"col-md-12 col-sm-12 col-xs-12 pt-cv-content-item pt-cv-1-col\" ><div class='pt-cv-ifield'><a href=\"https:\/\/www.dmsjuridica.com\/buscador_20179478954\/corteconstitucionalcronologico202454587\/t-027-97\/\" class=\"_self pt-cv-href-thumbnail pt-cv-thumb-default\" target=\"_self\" ><\/a>\n<div class=\"pt-cv-taxoterm above_title\"><a href='https:\/\/www.dmsjuridica.com\/buscador_20179478954\/corteconstitucionalcronologico202454587\/category\/buscar-en-toda-la-corte\/1997\/tutelas-1997\/' title='Tutelas 1997' class='pt-cv-tax-tutelas-1997'>Tutelas 1997<\/a><\/div>\n<h4 class=\"pt-cv-title\"><a href=\"https:\/\/www.dmsjuridica.com\/buscador_20179478954\/corteconstitucionalcronologico202454587\/t-027-97\/\" class=\"_self\" target=\"_self\" >T 027 97<\/a><\/h4>\n<div class=\"pt-cv-content\">T-027-97 Sentencia T-027\/97 ENTIDAD PUBLICA-Presupuesto para pago oportuno de pensiones\/PARTIDA PRESUPUESTAL-Pago oportuno de pensiones\/PENSION DE JUBILACION-Apropiaci\u00f3n presupuestal Es conveniente ratificar los criterios que plasm\u00f3 esta Sala de Revisi\u00f3n: \u201cCorresponde a las entidades p\u00fablicas adelantar, con la suficiente anticipaci\u00f3n, las gestiones indispensables para que los presupuestos, en los diversos niveles de la administraci\u00f3n, contemplen las partidas que permitan sufragar las pensiones de manera oportuna y completa. La finalidad social del Estado se ve resquebrajada cuando las entidades p\u00fablicas faltan a sus deberes e incurren en mora, afectando de ese modo los derechos de los pensionados que, al igual que los trabajadores ...<br \/><div class=\"pt-cv-rmwrap\"><a href=\"https:\/\/www.dmsjuridica.com\/buscador_20179478954\/corteconstitucionalcronologico202454587\/t-027-97\/\" class=\"_self pt-cv-readmore btn btn-success\" target=\"_self\">Ver Sentencia Completa...<\/a><\/div><\/div><\/div><\/div>\n<div class=\"col-md-12 col-sm-12 col-xs-12 pt-cv-content-item pt-cv-1-col\" ><div class='pt-cv-ifield'><a href=\"https:\/\/www.dmsjuridica.com\/buscador_20179478954\/corteconstitucionalcronologico202454587\/t-026-97\/\" class=\"_self pt-cv-href-thumbnail pt-cv-thumb-default\" target=\"_self\" ><\/a>\n<div class=\"pt-cv-taxoterm above_title\"><a href='https:\/\/www.dmsjuridica.com\/buscador_20179478954\/corteconstitucionalcronologico202454587\/category\/buscar-en-toda-la-corte\/1997\/tutelas-1997\/' title='Tutelas 1997' class='pt-cv-tax-tutelas-1997'>Tutelas 1997<\/a><\/div>\n<h4 class=\"pt-cv-title\"><a href=\"https:\/\/www.dmsjuridica.com\/buscador_20179478954\/corteconstitucionalcronologico202454587\/t-026-97\/\" class=\"_self\" target=\"_self\" >T 026 97<\/a><\/h4>\n<div class=\"pt-cv-content\">T-026-97 Sentencia T-026\/97 PRINCIPIO DE COSA JUZGADA-Aplicaci\u00f3n\/ACCION DE TUTELA-Improcedencia por no ejercicio oportuno de recursos Si las partes dejaron vencer los t\u00e9rminos procesales, por razones que s\u00f3lo son producto de su propia negligencia, la tutela no puede prosperar, pues esta circunstancia no constituye por s\u00ed misma, una v\u00eda de hecho que pueda desestimar una sentencia que se encuentra en firme. Esto ir\u00eda contra el principio de la cosa juzgada. El demandado s\u00ed fue debidamente notificado y no hizo uso de los recursos legales que tuvo a su alcance. JUEZ DE TUTELA-Incompetencia para ordenar libertad de condenado No corresponde, en principio, ...<br \/><div class=\"pt-cv-rmwrap\"><a href=\"https:\/\/www.dmsjuridica.com\/buscador_20179478954\/corteconstitucionalcronologico202454587\/t-026-97\/\" class=\"_self pt-cv-readmore btn btn-success\" target=\"_self\">Ver Sentencia Completa...<\/a><\/div><\/div><\/div><\/div>\n<div class=\"col-md-12 col-sm-12 col-xs-12 pt-cv-content-item pt-cv-1-col\" ><div class='pt-cv-ifield'><a href=\"https:\/\/www.dmsjuridica.com\/buscador_20179478954\/corteconstitucionalcronologico202454587\/t-025-97\/\" class=\"_self pt-cv-href-thumbnail pt-cv-thumb-default\" target=\"_self\" ><\/a>\n<div class=\"pt-cv-taxoterm above_title\"><a href='https:\/\/www.dmsjuridica.com\/buscador_20179478954\/corteconstitucionalcronologico202454587\/category\/buscar-en-toda-la-corte\/1997\/tutelas-1997\/' title='Tutelas 1997' class='pt-cv-tax-tutelas-1997'>Tutelas 1997<\/a><\/div>\n<h4 class=\"pt-cv-title\"><a href=\"https:\/\/www.dmsjuridica.com\/buscador_20179478954\/corteconstitucionalcronologico202454587\/t-025-97\/\" class=\"_self\" target=\"_self\" >T 025 97<\/a><\/h4>\n<div class=\"pt-cv-content\">T-025-97 Sentencia T-025\/97 ACCION DE TUTELA-Improcedencia para revivir t\u00e9rminos judiciales\/ABOGADO-Investigaci\u00f3n por no ejercicio oportuno de recursos Por medio de la acci\u00f3n de tutela no pueden desconocerse las decisiones adoptadas por los jueces competentes, en procesos tramitados v\u00e1lidamente, es decir, con sujeci\u00f3n a las normas procesales. Por tanto, carece de fundamento la pretensi\u00f3n de convertir la acci\u00f3n de tutela en una especie de recurso extraordinario de revisi\u00f3n, encaminado a remediar los errores o las culpas de las partes o de sus apoderados, en procesos v\u00e1lidamente tramitados. La conducta negligente del apoderado debe ser analizada por el Consejo Superior de la Judicatura, ...<br \/><div class=\"pt-cv-rmwrap\"><a href=\"https:\/\/www.dmsjuridica.com\/buscador_20179478954\/corteconstitucionalcronologico202454587\/t-025-97\/\" class=\"_self pt-cv-readmore btn btn-success\" target=\"_self\">Ver Sentencia Completa...<\/a><\/div><\/div><\/div><\/div>\n<div class=\"col-md-12 col-sm-12 col-xs-12 pt-cv-content-item pt-cv-1-col\" ><div class='pt-cv-ifield'><a href=\"https:\/\/www.dmsjuridica.com\/buscador_20179478954\/corteconstitucionalcronologico202454587\/t-024-97\/\" class=\"_self pt-cv-href-thumbnail pt-cv-thumb-default\" target=\"_self\" ><\/a>\n<div class=\"pt-cv-taxoterm above_title\"><a href='https:\/\/www.dmsjuridica.com\/buscador_20179478954\/corteconstitucionalcronologico202454587\/category\/buscar-en-toda-la-corte\/1997\/tutelas-1997\/' title='Tutelas 1997' class='pt-cv-tax-tutelas-1997'>Tutelas 1997<\/a><\/div>\n<h4 class=\"pt-cv-title\"><a href=\"https:\/\/www.dmsjuridica.com\/buscador_20179478954\/corteconstitucionalcronologico202454587\/t-024-97\/\" class=\"_self\" target=\"_self\" >T 024 97<\/a><\/h4>\n<div class=\"pt-cv-content\">T-024-97 Sentencia T-024\/97 MEDIO DE DEFENSA JUDICIAL-Impugnaci\u00f3n acta de junta m\u00e9dica\/ACCION DE TUTELA-No reemplaza recursos no ejercidos El actor fue debidamente notificado por edicto, sin que sea posible afirmar que desconoc\u00eda el contenido del acta. Transcurrieron los t\u00e9rminos sin que hubiera solicitado la convocaci\u00f3n de otro Tribunal de Revisi\u00f3n M\u00e9dico Laboral. Esta negligencia obligar\u00e1 a la Sala, en aplicaci\u00f3n del principio de subsidiaridad caracter\u00edstico de la acci\u00f3n de tutela, a denegar el amparo solicitado. Recu\u00e9rdese, por lo dem\u00e1s, que se consagr\u00f3, como causal de improcedencia de la tutela, la existencia de \u201cotros recursos o medios de defensa judiciales\u201d, y que ...<br \/><div class=\"pt-cv-rmwrap\"><a href=\"https:\/\/www.dmsjuridica.com\/buscador_20179478954\/corteconstitucionalcronologico202454587\/t-024-97\/\" class=\"_self pt-cv-readmore btn btn-success\" target=\"_self\">Ver Sentencia Completa...<\/a><\/div><\/div><\/div><\/div>\n<div class=\"col-md-12 col-sm-12 col-xs-12 pt-cv-content-item pt-cv-1-col\" ><div class='pt-cv-ifield'><a href=\"https:\/\/www.dmsjuridica.com\/buscador_20179478954\/corteconstitucionalcronologico202454587\/t-023-97\/\" class=\"_self pt-cv-href-thumbnail pt-cv-thumb-default\" target=\"_self\" ><\/a>\n<div class=\"pt-cv-taxoterm above_title\"><a href='https:\/\/www.dmsjuridica.com\/buscador_20179478954\/corteconstitucionalcronologico202454587\/category\/buscar-en-toda-la-corte\/1997\/tutelas-1997\/' title='Tutelas 1997' class='pt-cv-tax-tutelas-1997'>Tutelas 1997<\/a><\/div>\n<h4 class=\"pt-cv-title\"><a href=\"https:\/\/www.dmsjuridica.com\/buscador_20179478954\/corteconstitucionalcronologico202454587\/t-023-97\/\" class=\"_self\" target=\"_self\" >T 023 97<\/a><\/h4>\n<div class=\"pt-cv-content\">T-023-97 Sentencia T-023\/97 DERECHO A LA SALUD-Traslado de docente con limitaciones f\u00edsicas En relaci\u00f3n con el tema del trabajador enfermo que no se ve afectado en su capacidad laboral, pero que requiere determinadas condiciones para el cumplimiento de sus obligaciones y la protecci\u00f3n de su salud, entre ellas, el traslado a un lugar de trabajo diferente de la sede actual, exige por parte del Estado un tratamiento especial, que permita garantizarle dichas condiciones en procura de la protecci\u00f3n de sus derechos fundamentales a la vida, la salud, al trabajo y a la igualdad. El trato diferente siempre y cuando sea ...<br \/><div class=\"pt-cv-rmwrap\"><a href=\"https:\/\/www.dmsjuridica.com\/buscador_20179478954\/corteconstitucionalcronologico202454587\/t-023-97\/\" class=\"_self pt-cv-readmore btn btn-success\" target=\"_self\">Ver Sentencia Completa...<\/a><\/div><\/div><\/div><\/div>\n<div class=\"col-md-12 col-sm-12 col-xs-12 pt-cv-content-item pt-cv-1-col\" ><div class='pt-cv-ifield'><a href=\"https:\/\/www.dmsjuridica.com\/buscador_20179478954\/corteconstitucionalcronologico202454587\/t-022-97\/\" class=\"_self pt-cv-href-thumbnail pt-cv-thumb-default\" target=\"_self\" ><\/a>\n<div class=\"pt-cv-taxoterm above_title\"><a href='https:\/\/www.dmsjuridica.com\/buscador_20179478954\/corteconstitucionalcronologico202454587\/category\/buscar-en-toda-la-corte\/1997\/tutelas-1997\/' title='Tutelas 1997' class='pt-cv-tax-tutelas-1997'>Tutelas 1997<\/a><\/div>\n<h4 class=\"pt-cv-title\"><a href=\"https:\/\/www.dmsjuridica.com\/buscador_20179478954\/corteconstitucionalcronologico202454587\/t-022-97\/\" class=\"_self\" target=\"_self\" >T 022 97<\/a><\/h4>\n<div class=\"pt-cv-content\">T-022-97 Sentencia T-022\/97 ACCION DE TUTELA POR CONTAMINACION AUDITIVA-Medidas para reducir el ruido El asunto no permite adoptar una soluci\u00f3n que pueda perjudicar los derechos fundamentales de las partes del proceso, esto es la calidad de vida y la tranquilidad, la salud, el trabajo y la iniciativa privada, pues la parte demandada se encuentra en el ejercicio de una actividad leg\u00edtima y debe gozar por tanto de las garant\u00edas para ejercer su derecho al trabajo y a la libertad de empresa; no obstante no puede olvidarse que a ella le asiste la responsabilidad de preservar el medio ambiente, en especial ...<br \/><div class=\"pt-cv-rmwrap\"><a href=\"https:\/\/www.dmsjuridica.com\/buscador_20179478954\/corteconstitucionalcronologico202454587\/t-022-97\/\" class=\"_self pt-cv-readmore btn btn-success\" target=\"_self\">Ver Sentencia Completa...<\/a><\/div><\/div><\/div><\/div>\n<div class=\"col-md-12 col-sm-12 col-xs-12 pt-cv-content-item pt-cv-1-col\" ><div class='pt-cv-ifield'><a href=\"https:\/\/www.dmsjuridica.com\/buscador_20179478954\/corteconstitucionalcronologico202454587\/t-021-97\/\" class=\"_self pt-cv-href-thumbnail pt-cv-thumb-default\" target=\"_self\" ><\/a>\n<div class=\"pt-cv-taxoterm above_title\"><a href='https:\/\/www.dmsjuridica.com\/buscador_20179478954\/corteconstitucionalcronologico202454587\/category\/buscar-en-toda-la-corte\/1997\/tutelas-1997\/' title='Tutelas 1997' class='pt-cv-tax-tutelas-1997'>Tutelas 1997<\/a><\/div>\n<h4 class=\"pt-cv-title\"><a href=\"https:\/\/www.dmsjuridica.com\/buscador_20179478954\/corteconstitucionalcronologico202454587\/t-021-97\/\" class=\"_self\" target=\"_self\" >T 021 97<\/a><\/h4>\n<div class=\"pt-cv-content\">T-021-97 Sentencia T-021\/97 EJECUCION CONDICIONAL DE PENA-Improcedencia de tutela para concederla Esta Sala de Revisi\u00f3n no se pronunciar\u00e1 acerca de las pretensiones de la demanda, para que se conceda el beneficio de la ejecuci\u00f3n condicional de la pena, porque una decisi\u00f3n de tal naturaleza est\u00e1 por fuera del \u00e1mbito de facultades del juez de tutela. RECURSOS-Titularidad del inter\u00e9s leg\u00edtimo El concepto de recurso, entra\u00f1a, entre otros, un elemento esencial: el de que para recurrir es necesario ser el titular de un inter\u00e9s leg\u00edtimo afectado por la decisi\u00f3n judicial que se cuestiona. Como es criterio un\u00e1nime que al juez es a ...<br \/><div class=\"pt-cv-rmwrap\"><a href=\"https:\/\/www.dmsjuridica.com\/buscador_20179478954\/corteconstitucionalcronologico202454587\/t-021-97\/\" class=\"_self pt-cv-readmore btn btn-success\" target=\"_self\">Ver Sentencia Completa...<\/a><\/div><\/div><\/div><\/div>\n<div class=\"col-md-12 col-sm-12 col-xs-12 pt-cv-content-item pt-cv-1-col\" ><div class='pt-cv-ifield'><a href=\"https:\/\/www.dmsjuridica.com\/buscador_20179478954\/corteconstitucionalcronologico202454587\/t-020-97\/\" class=\"_self pt-cv-href-thumbnail pt-cv-thumb-default\" target=\"_self\" ><\/a>\n<div class=\"pt-cv-taxoterm above_title\"><a href='https:\/\/www.dmsjuridica.com\/buscador_20179478954\/corteconstitucionalcronologico202454587\/category\/buscar-en-toda-la-corte\/1997\/tutelas-1997\/' title='Tutelas 1997' class='pt-cv-tax-tutelas-1997'>Tutelas 1997<\/a><\/div>\n<h4 class=\"pt-cv-title\"><a href=\"https:\/\/www.dmsjuridica.com\/buscador_20179478954\/corteconstitucionalcronologico202454587\/t-020-97\/\" class=\"_self\" target=\"_self\" >T 020 97<\/a><\/h4>\n<div class=\"pt-cv-content\">T-020-97 Sentencia T-020\/97 MEDIO DE DEFENSA JUDICIAL-Desacuerdo sobre conciliaci\u00f3n laboral El actor concili\u00f3 lo referente a las prestaciones sociales y a la indemnizaci\u00f3n por el accidente que sufri\u00f3. Un a\u00f1o despu\u00e9s instaura la tutela. Si no estaba de acuerdo con la conciliaci\u00f3n legalmente desarrollada, deb\u00eda actuar ante jueces laborales y por el car\u00e1cter subsidiario de la tutela, esta acci\u00f3n no es la procesalmente adecuada para su reclamaci\u00f3n. ACCION DE TUTELA-Improcedencia para reconocimiento de pensi\u00f3n Referencia: Expediente T-106407 Procedencia: Juzgado cincuenta y cuatro civil municipal de Santaf\u00e9 de Bogot\u00e1 Accionante: Luis Ernesto Vargas Garc\u00eda Tema: Subsidiariedad de la tutela Magistrado Ponente: ...<br \/><div class=\"pt-cv-rmwrap\"><a href=\"https:\/\/www.dmsjuridica.com\/buscador_20179478954\/corteconstitucionalcronologico202454587\/t-020-97\/\" class=\"_self pt-cv-readmore btn btn-success\" target=\"_self\">Ver Sentencia Completa...<\/a><\/div><\/div><\/div><\/div>\n<div class=\"col-md-12 col-sm-12 col-xs-12 pt-cv-content-item pt-cv-1-col\" ><div class='pt-cv-ifield'><a href=\"https:\/\/www.dmsjuridica.com\/buscador_20179478954\/corteconstitucionalcronologico202454587\/t-019-97\/\" class=\"_self pt-cv-href-thumbnail pt-cv-thumb-default\" target=\"_self\" ><\/a>\n<div class=\"pt-cv-taxoterm above_title\"><a href='https:\/\/www.dmsjuridica.com\/buscador_20179478954\/corteconstitucionalcronologico202454587\/category\/buscar-en-toda-la-corte\/1997\/tutelas-1997\/' title='Tutelas 1997' class='pt-cv-tax-tutelas-1997'>Tutelas 1997<\/a><\/div>\n<h4 class=\"pt-cv-title\"><a href=\"https:\/\/www.dmsjuridica.com\/buscador_20179478954\/corteconstitucionalcronologico202454587\/t-019-97\/\" class=\"_self\" target=\"_self\" >T 019 97<\/a><\/h4>\n<div class=\"pt-cv-content\">T-019-97 Sentencia T-019\/97 SOLICITUD DE INFORMACION POR CORTE CONSTITUCIONAL-Investigaci\u00f3n disciplinaria por no suministro Dado que la acci\u00f3n de tutela se refiere de manera expresa a una violaci\u00f3n del principio de igualdad por una presunta discriminaci\u00f3n en el pago de las mesadas pensionales y de otros derechos sociales, la Sala orden\u00f3 al gerente Liquidador del establecimiento p\u00fablico as\u00ed como al Alcalde de la Ciudad, suministraran la informaci\u00f3n pertinente para acometer el respectivo an\u00e1lisis. Vencido el t\u00e9rmino probatorio y sin que se hubiere recibido informaci\u00f3n alguna, la Sala reiter\u00f3 la solicitud. No obstante, ni el Alcalde, ni el Gerente Liquidador dieron respuesta ...<br \/><div class=\"pt-cv-rmwrap\"><a href=\"https:\/\/www.dmsjuridica.com\/buscador_20179478954\/corteconstitucionalcronologico202454587\/t-019-97\/\" class=\"_self pt-cv-readmore btn btn-success\" target=\"_self\">Ver Sentencia Completa...<\/a><\/div><\/div><\/div><\/div>\n<div class=\"col-md-12 col-sm-12 col-xs-12 pt-cv-content-item pt-cv-1-col\" ><div class='pt-cv-ifield'><a href=\"https:\/\/www.dmsjuridica.com\/buscador_20179478954\/corteconstitucionalcronologico202454587\/t-018-97\/\" class=\"_self pt-cv-href-thumbnail pt-cv-thumb-default\" target=\"_self\" ><\/a>\n<div class=\"pt-cv-taxoterm above_title\"><a href='https:\/\/www.dmsjuridica.com\/buscador_20179478954\/corteconstitucionalcronologico202454587\/category\/buscar-en-toda-la-corte\/1997\/tutelas-1997\/' title='Tutelas 1997' class='pt-cv-tax-tutelas-1997'>Tutelas 1997<\/a><\/div>\n<h4 class=\"pt-cv-title\"><a href=\"https:\/\/www.dmsjuridica.com\/buscador_20179478954\/corteconstitucionalcronologico202454587\/t-018-97\/\" class=\"_self\" target=\"_self\" >T 018 97<\/a><\/h4>\n<div class=\"pt-cv-content\">T-018-97 Sentencia T-018\/97 MEDIO DE DEFENSA JUDICIAL-Resoluci\u00f3n que niega sustituci\u00f3n de pensi\u00f3n La actora, a pesar de tener el derecho de acudir a la justicia contencioso administrativa para controvertir la resoluci\u00f3n que neg\u00f3 la sustituci\u00f3n pensional, no hizo uso de ese medio de defensa judicial. Se desprenden dos consecuencias: primero, que la demandante, para la defensa de sus derechos, contaba con otro procedimiento judicial distinto de la acci\u00f3n de tutela; y segundo, que al no hacer uso de \u00e9l, incurri\u00f3 en una negligente omisi\u00f3n. No se demostr\u00f3 la necesidad de la concesi\u00f3n de la tutela como mecanismo transitorio, pues, no ...<br \/><div class=\"pt-cv-rmwrap\"><a href=\"https:\/\/www.dmsjuridica.com\/buscador_20179478954\/corteconstitucionalcronologico202454587\/t-018-97\/\" class=\"_self pt-cv-readmore btn btn-success\" target=\"_self\">Ver Sentencia Completa...<\/a><\/div><\/div><\/div><\/div>\n<div class=\"col-md-12 col-sm-12 col-xs-12 pt-cv-content-item pt-cv-1-col\" ><div class='pt-cv-ifield'><a href=\"https:\/\/www.dmsjuridica.com\/buscador_20179478954\/corteconstitucionalcronologico202454587\/t-007-97\/\" class=\"_self pt-cv-href-thumbnail pt-cv-thumb-default\" target=\"_self\" ><\/a>\n<div class=\"pt-cv-taxoterm above_title\"><a href='https:\/\/www.dmsjuridica.com\/buscador_20179478954\/corteconstitucionalcronologico202454587\/category\/buscar-en-toda-la-corte\/1997\/tutelas-1997\/' title='Tutelas 1997' class='pt-cv-tax-tutelas-1997'>Tutelas 1997<\/a><\/div>\n<h4 class=\"pt-cv-title\"><a href=\"https:\/\/www.dmsjuridica.com\/buscador_20179478954\/corteconstitucionalcronologico202454587\/t-007-97\/\" class=\"_self\" target=\"_self\" >T 007 97<\/a><\/h4>\n<div class=\"pt-cv-content\">T-007-97 Sentencia T-007\/97 DERECHO DE ACCESO A CARGOS PUBLICOS-Impedimento para trabajar\/DERECHO AL TRABAJO-Labor en condiciones dignas y justas Los trabajadores, vinculados al sector p\u00fablico o privado, tienen derecho al trabajo, no s\u00f3lo como derecho constitucional, sino como una realidad material que satisfaga sus necesidades, econ\u00f3micas y laborales. Adem\u00e1s, la protecci\u00f3n a dicho derecho implica que la persona est\u00e9 en posibilidad de cumplir una labor en condiciones dignas y justas. Por lo tanto, el impedir laborar a una persona en el cargo para el cual ha sido designada, o el alterarle de cualquier manera el correcto desarrollo de sus funciones, afectan ...<br \/><div class=\"pt-cv-rmwrap\"><a href=\"https:\/\/www.dmsjuridica.com\/buscador_20179478954\/corteconstitucionalcronologico202454587\/t-007-97\/\" class=\"_self pt-cv-readmore btn btn-success\" target=\"_self\">Ver Sentencia Completa...<\/a><\/div><\/div><\/div><\/div>\n<div class=\"col-md-12 col-sm-12 col-xs-12 pt-cv-content-item pt-cv-1-col\" ><div class='pt-cv-ifield'><a href=\"https:\/\/www.dmsjuridica.com\/buscador_20179478954\/corteconstitucionalcronologico202454587\/t-006-97\/\" class=\"_self pt-cv-href-thumbnail pt-cv-thumb-default\" target=\"_self\" ><\/a>\n<div class=\"pt-cv-taxoterm above_title\"><a href='https:\/\/www.dmsjuridica.com\/buscador_20179478954\/corteconstitucionalcronologico202454587\/category\/buscar-en-toda-la-corte\/1997\/tutelas-1997\/' title='Tutelas 1997' class='pt-cv-tax-tutelas-1997'>Tutelas 1997<\/a><\/div>\n<h4 class=\"pt-cv-title\"><a href=\"https:\/\/www.dmsjuridica.com\/buscador_20179478954\/corteconstitucionalcronologico202454587\/t-006-97\/\" class=\"_self\" target=\"_self\" >T 006 97<\/a><\/h4>\n<div class=\"pt-cv-content\">T-006-97 Sentencia T-006\/97 PARTIDA PRESUPUESTAL PARA DOCENTES-Ejecuci\u00f3n o tr\u00e1mite para pago de salarios El salario es un derecho inalienable de la persona. Este constituye un factor necesario para la subsistencia, por ende, es una obligaci\u00f3n que el empleador debe cumplir de manera completa y oportuna. La omisi\u00f3n en el pago del salario no solo vulnera el derecho al trabajo en condiciones dignas y justas, sino que compromete otros derechos como la seguridad social y la vida. Las autoridades p\u00fablicas deben asegurarse, antes de proferir el acto de nombramiento, que est\u00e9n incluidas las partidas presupuestales correspondientes, de tal manera que se ...<br \/><div class=\"pt-cv-rmwrap\"><a href=\"https:\/\/www.dmsjuridica.com\/buscador_20179478954\/corteconstitucionalcronologico202454587\/t-006-97\/\" class=\"_self pt-cv-readmore btn btn-success\" target=\"_self\">Ver Sentencia Completa...<\/a><\/div><\/div><\/div><\/div>\n<div class=\"col-md-12 col-sm-12 col-xs-12 pt-cv-content-item pt-cv-1-col\" ><div class='pt-cv-ifield'><a href=\"https:\/\/www.dmsjuridica.com\/buscador_20179478954\/corteconstitucionalcronologico202454587\/t-005-97\/\" class=\"_self pt-cv-href-thumbnail pt-cv-thumb-default\" target=\"_self\" ><\/a>\n<div class=\"pt-cv-taxoterm above_title\"><a href='https:\/\/www.dmsjuridica.com\/buscador_20179478954\/corteconstitucionalcronologico202454587\/category\/buscar-en-toda-la-corte\/1997\/tutelas-1997\/' title='Tutelas 1997' class='pt-cv-tax-tutelas-1997'>Tutelas 1997<\/a><\/div>\n<h4 class=\"pt-cv-title\"><a href=\"https:\/\/www.dmsjuridica.com\/buscador_20179478954\/corteconstitucionalcronologico202454587\/t-005-97\/\" class=\"_self\" target=\"_self\" >T 005 97<\/a><\/h4>\n<div class=\"pt-cv-content\">T-005-97 Sentencia T-005\/97 SALA DISCIPLINARIA DEL CONSEJO SUPERIOR O SECCIONAL DE LA JUDICATURA-Competencia para fallar tutelas Es claro que las salas disciplinarias del Consejo Superior y los consejos seccionales de la judicatura, cumplen un deber de naturaleza judicial. Para la Corte no hay duda de que las salas disciplinarias del Consejo Superior y los consejos seccionales de la judicatura, como \u00f3rganos judiciales, s\u00ed tienen competencia para fallar las acciones de tutela puestas en su conocimiento, porque el art\u00edculo 86 de la Constituci\u00f3n dice que \"toda persona tendr\u00e1 acci\u00f3n de tutela para reclamar ante los jueces, en todo momento y lugar, ...<br \/><div class=\"pt-cv-rmwrap\"><a href=\"https:\/\/www.dmsjuridica.com\/buscador_20179478954\/corteconstitucionalcronologico202454587\/t-005-97\/\" class=\"_self pt-cv-readmore btn btn-success\" target=\"_self\">Ver Sentencia Completa...<\/a><\/div><\/div><\/div><\/div>\n<div class=\"col-md-12 col-sm-12 col-xs-12 pt-cv-content-item pt-cv-1-col\" ><div class='pt-cv-ifield'><a href=\"https:\/\/www.dmsjuridica.com\/buscador_20179478954\/corteconstitucionalcronologico202454587\/t-004-97\/\" class=\"_self pt-cv-href-thumbnail pt-cv-thumb-default\" target=\"_self\" ><\/a>\n<div class=\"pt-cv-taxoterm above_title\"><a href='https:\/\/www.dmsjuridica.com\/buscador_20179478954\/corteconstitucionalcronologico202454587\/category\/buscar-en-toda-la-corte\/1997\/tutelas-1997\/' title='Tutelas 1997' class='pt-cv-tax-tutelas-1997'>Tutelas 1997<\/a><\/div>\n<h4 class=\"pt-cv-title\"><a href=\"https:\/\/www.dmsjuridica.com\/buscador_20179478954\/corteconstitucionalcronologico202454587\/t-004-97\/\" class=\"_self\" target=\"_self\" >T 004 97<\/a><\/h4>\n<div class=\"pt-cv-content\">T-004-97 Sentencia T-004\/97 ACCION DE TUTELA-Improcedencia por inexistencia de hechos Referencia: Expediente T-104.964 Demandante: Federico Jos\u00e9 Ucr\u00f3s Lascano. Demandado: Alcalde del municipio de Soledad, departamento del Atl\u00e1ntico. Magistrado ponente: Dr. Jorge Arango Mej\u00eda. Sentencia aprobada en Santaf\u00e9 de Bogot\u00e1, en la sesi\u00f3n de la Sala Primera de Revisi\u00f3n, a los veinti\u00fan (21) d\u00edas del mes de enero de mil novecientos noventa y siete (1997). La Sala Primera de Revisi\u00f3n de la Corte, integrada por los magistrados Jorge Arango Mej\u00eda, Antonio Barrera Carbonell y Eduardo Cifuentes Mu\u00f1oz, decide sobre el fallo del Juzgado Segundo Promiscuo Municipal de Soledad, Atl\u00e1ntico, dentro del ...<br \/><div class=\"pt-cv-rmwrap\"><a href=\"https:\/\/www.dmsjuridica.com\/buscador_20179478954\/corteconstitucionalcronologico202454587\/t-004-97\/\" class=\"_self pt-cv-readmore btn btn-success\" target=\"_self\">Ver Sentencia Completa...<\/a><\/div><\/div><\/div><\/div>\n<div class=\"col-md-12 col-sm-12 col-xs-12 pt-cv-content-item pt-cv-1-col\" ><div class='pt-cv-ifield'><a href=\"https:\/\/www.dmsjuridica.com\/buscador_20179478954\/corteconstitucionalcronologico202454587\/t-003-97\/\" class=\"_self pt-cv-href-thumbnail pt-cv-thumb-default\" target=\"_self\" ><\/a>\n<div class=\"pt-cv-taxoterm above_title\"><a href='https:\/\/www.dmsjuridica.com\/buscador_20179478954\/corteconstitucionalcronologico202454587\/category\/buscar-en-toda-la-corte\/1997\/tutelas-1997\/' title='Tutelas 1997' class='pt-cv-tax-tutelas-1997'>Tutelas 1997<\/a><\/div>\n<h4 class=\"pt-cv-title\"><a href=\"https:\/\/www.dmsjuridica.com\/buscador_20179478954\/corteconstitucionalcronologico202454587\/t-003-97\/\" class=\"_self\" target=\"_self\" >T 003 97<\/a><\/h4>\n<div class=\"pt-cv-content\">T-003-97 Sentencia T-003\/97 PRINCIPIO DE IGUALDAD-Criterio del puesto ponderado para posgrado\/TRATAMIENTO DIFERENCIADO-Excelencia acad\u00e9mica Como la posici\u00f3n es objetiva, resultado de la excelencia acad\u00e9mica de la trayectoria en el pregrado, y el puesto ponderado proviene de la simple aplicaci\u00f3n de una f\u00f3rmula matem\u00e1tica a todos los candidatos por igual, la Sala ve en ello la puesta en pr\u00e1ctica de un criterio igualitario, ajeno a discriminaciones por raz\u00f3n de sexo, raza, origen nacional o familiar, lengua, religi\u00f3n, opini\u00f3n pol\u00edtica o filos\u00f3fica. No hay violaci\u00f3n del principio de igualdad, porque los candidatos que no tuvieron los primeros puestos de su promoci\u00f3n, no estaban ...<br \/><div class=\"pt-cv-rmwrap\"><a href=\"https:\/\/www.dmsjuridica.com\/buscador_20179478954\/corteconstitucionalcronologico202454587\/t-003-97\/\" class=\"_self pt-cv-readmore btn btn-success\" target=\"_self\">Ver Sentencia Completa...<\/a><\/div><\/div><\/div><\/div>\n<div class=\"col-md-12 col-sm-12 col-xs-12 pt-cv-content-item pt-cv-1-col\" ><div class='pt-cv-ifield'><a href=\"https:\/\/www.dmsjuridica.com\/buscador_20179478954\/corteconstitucionalcronologico202454587\/t-002-97\/\" class=\"_self pt-cv-href-thumbnail pt-cv-thumb-default\" target=\"_self\" ><\/a>\n<div class=\"pt-cv-taxoterm above_title\"><a href='https:\/\/www.dmsjuridica.com\/buscador_20179478954\/corteconstitucionalcronologico202454587\/category\/buscar-en-toda-la-corte\/1997\/tutelas-1997\/' title='Tutelas 1997' class='pt-cv-tax-tutelas-1997'>Tutelas 1997<\/a><\/div>\n<h4 class=\"pt-cv-title\"><a href=\"https:\/\/www.dmsjuridica.com\/buscador_20179478954\/corteconstitucionalcronologico202454587\/t-002-97\/\" class=\"_self\" target=\"_self\" >T 002 97<\/a><\/h4>\n<div class=\"pt-cv-content\">T-002-97 Sentencia T-002\/97 EMPLEADOR-Modificaci\u00f3n justificada de condiciones de trabajo\/IUS VARIANDI-L\u00edmites Si bien el empleador tiene el derecho a variar o modificar las condiciones de trabajo, potestad denominada jus variandi, tal facultad no es absoluta. En la realizaci\u00f3n de la potestad se ponderan los derechos y obligaciones que tiene el responsable de la modificaci\u00f3n de las condiciones de trabajo y los derechos y obligaciones de la persona en quien recaer\u00e1 la medida correspondiente. Esto significa que cuando el empleador adopta esta clase de decisiones, debe hacerlo por razones de necesidad o de conveniencia del servicio, debidamente comprobadas. Por su parte, el ...<br \/><div class=\"pt-cv-rmwrap\"><a href=\"https:\/\/www.dmsjuridica.com\/buscador_20179478954\/corteconstitucionalcronologico202454587\/t-002-97\/\" class=\"_self pt-cv-readmore btn btn-success\" target=\"_self\">Ver Sentencia Completa...<\/a><\/div><\/div><\/div><\/div>\n<div class=\"col-md-12 col-sm-12 col-xs-12 pt-cv-content-item pt-cv-1-col\" ><div class='pt-cv-ifield'><a href=\"https:\/\/www.dmsjuridica.com\/buscador_20179478954\/corteconstitucionalcronologico202454587\/t-001-97\/\" class=\"_self pt-cv-href-thumbnail pt-cv-thumb-default\" target=\"_self\" ><\/a>\n<div class=\"pt-cv-taxoterm above_title\"><a href='https:\/\/www.dmsjuridica.com\/buscador_20179478954\/corteconstitucionalcronologico202454587\/category\/buscar-en-toda-la-corte\/1997\/tutelas-1997\/' title='Tutelas 1997' class='pt-cv-tax-tutelas-1997'>Tutelas 1997<\/a><\/div>\n<h4 class=\"pt-cv-title\"><a href=\"https:\/\/www.dmsjuridica.com\/buscador_20179478954\/corteconstitucionalcronologico202454587\/t-001-97\/\" class=\"_self\" target=\"_self\" >T 001 97<\/a><\/h4>\n<div class=\"pt-cv-content\">T-001-97 Sentencia T-001\/97 ACCION DE TUTELA-Procedencia por falta de idoneidad del medio judicial\/PERJUICIO IRREMEDIABLE-Procedencia transitoria de tutela La falta de idoneidad del medio judicial ordinario da lugar a la viabilidad de la tutela para la efectividad de los derechos afectados o en peligro; y, correlativamente, si dicho medio judicial se muestra apto para el se\u00f1alado fin, ha de aplicarse el precepto constitucional a cuyo tenor no es procedente la tutela, a menos que se establezca la inminencia de un perjuicio irremediable, en cuyo caso cabe la protecci\u00f3n temporal de tales derechos mientras se resuelve de manera definitiva la controversia por ...<br \/><div class=\"pt-cv-rmwrap\"><a href=\"https:\/\/www.dmsjuridica.com\/buscador_20179478954\/corteconstitucionalcronologico202454587\/t-001-97\/\" class=\"_self pt-cv-readmore btn btn-success\" target=\"_self\">Ver Sentencia Completa...<\/a><\/div><\/div><\/div><\/div><\/div><\/div><\/div>\n","protected":false},"excerpt":{"rendered":"","protected":false},"author":1,"featured_media":0,"parent":0,"menu_order":0,"comment_status":"closed","ping_status":"closed","template":"","meta":{"footnotes":""},"class_list":["post-29576","page","type-page","status-publish","hentry"],"_links":{"self":[{"href":"https:\/\/www.dmsjuridica.com\/buscador_20179478954\/corteconstitucionalcronologico202454587\/wp-json\/wp\/v2\/pages\/29576","targetHints":{"allow":["GET"]}}],"collection":[{"href":"https:\/\/www.dmsjuridica.com\/buscador_20179478954\/corteconstitucionalcronologico202454587\/wp-json\/wp\/v2\/pages"}],"about":[{"href":"https:\/\/www.dmsjuridica.com\/buscador_20179478954\/corteconstitucionalcronologico202454587\/wp-json\/wp\/v2\/types\/page"}],"author":[{"embeddable":true,"href":"https:\/\/www.dmsjuridica.com\/buscador_20179478954\/corteconstitucionalcronologico202454587\/wp-json\/wp\/v2\/users\/1"}],"replies":[{"embeddable":true,"href":"https:\/\/www.dmsjuridica.com\/buscador_20179478954\/corteconstitucionalcronologico202454587\/wp-json\/wp\/v2\/comments?post=29576"}],"version-history":[{"count":1,"href":"https:\/\/www.dmsjuridica.com\/buscador_20179478954\/corteconstitucionalcronologico202454587\/wp-json\/wp\/v2\/pages\/29576\/revisions"}],"predecessor-version":[{"id":29577,"href":"https:\/\/www.dmsjuridica.com\/buscador_20179478954\/corteconstitucionalcronologico202454587\/wp-json\/wp\/v2\/pages\/29576\/revisions\/29577"}],"wp:attachment":[{"href":"https:\/\/www.dmsjuridica.com\/buscador_20179478954\/corteconstitucionalcronologico202454587\/wp-json\/wp\/v2\/media?parent=29576"}],"curies":[{"name":"wp","href":"https:\/\/api.w.org\/{rel}","templated":true}]}}