{"id":29582,"date":"2024-07-12T11:31:47","date_gmt":"2024-07-12T16:31:47","guid":{"rendered":"https:\/\/www.dmsjuridica.com\/buscador_20179478954\/corteconstitucionalcronologico202454587\/?page_id=29582"},"modified":"2025-11-27T11:36:30","modified_gmt":"2025-11-27T16:36:30","slug":"tutelas-2000","status":"publish","type":"page","link":"https:\/\/www.dmsjuridica.com\/buscador_20179478954\/corteconstitucionalcronologico202454587\/tutelas-2000\/","title":{"rendered":"Tutelas 2000"},"content":{"rendered":"<div class=\"pt-cv-wrapper\"><div class=\"pt-cv-view pt-cv-grid pt-cv-colsys\" id=\"pt-cv-view-9375f88mqy\"><div data-id=\"pt-cv-page-1\" class=\"pt-cv-page\" data-cvc=\"1\"><div class=\"col-md-12 col-sm-12 col-xs-12 pt-cv-content-item pt-cv-1-col\" ><div class='pt-cv-ifield'><a href=\"https:\/\/www.dmsjuridica.com\/buscador_20179478954\/corteconstitucionalcronologico202454587\/t-999-00\/\" class=\"_self pt-cv-href-thumbnail pt-cv-thumb-default\" target=\"_self\" ><\/a>\n<div class=\"pt-cv-taxoterm above_title\"><a href='https:\/\/www.dmsjuridica.com\/buscador_20179478954\/corteconstitucionalcronologico202454587\/category\/buscar-en-toda-la-corte\/2000\/tutelas-2000\/' title='Tutelas 2000' class='pt-cv-tax-tutelas-2000'>Tutelas 2000<\/a><\/div>\n<h4 class=\"pt-cv-title\"><a href=\"https:\/\/www.dmsjuridica.com\/buscador_20179478954\/corteconstitucionalcronologico202454587\/t-999-00\/\" class=\"_self\" target=\"_self\" >T-999-00<\/a><\/h4>\n<div class=\"pt-cv-content\">\u00a0 \u00a0 Sentencia T-999\/00 \u00a0 DERECHO A LA SEGURIDAD SOCIAL-Fundamental por conexidad con la vida \u00a0 DERECHO A LA SEGURIDAD SOCIAL-Alcance \u00a0 PROTECCION INTEGRAL A LA FAMILIA EN LA CONSTITUCION-No incluye parejas homosexuales\/DERECHO A LA SEGURIDAD SOCIAL-No afiliaci\u00f3n de parejas homosexuales \u00a0 MEDIO DE DEFENSA JUDICIAL-Eficacia \u00a0 Referencia: expediente T-295332 \u00a0 Acci\u00f3n de Tutela instaurada por el Defensor Del Pueblo De La Regional Risaralda En Nombre De Alejandro Morante Arango Y Carlos Arturo Rodriguez Molano Contra Saludcoop E.P.S. \u00a0 Magistrado Ponente: \u00a0 Dr. FABIO MORON DIAZ\u00a0 \u00a0 Santaf\u00e9 de Bogot\u00e1, D.C., agosto dos (2) del a\u00f1o dos mil (2000) \u00a0\u00a0 ...<br \/><div class=\"pt-cv-rmwrap\"><a href=\"https:\/\/www.dmsjuridica.com\/buscador_20179478954\/corteconstitucionalcronologico202454587\/t-999-00\/\" class=\"_self pt-cv-readmore btn btn-success\" target=\"_self\">Ver Sentencia Completa...<\/a><\/div><\/div><\/div><\/div>\n<div class=\"col-md-12 col-sm-12 col-xs-12 pt-cv-content-item pt-cv-1-col\" ><div class='pt-cv-ifield'><a href=\"https:\/\/www.dmsjuridica.com\/buscador_20179478954\/corteconstitucionalcronologico202454587\/t-990-00\/\" class=\"_self pt-cv-href-thumbnail pt-cv-thumb-default\" target=\"_self\" ><\/a>\n<div class=\"pt-cv-taxoterm above_title\"><a href='https:\/\/www.dmsjuridica.com\/buscador_20179478954\/corteconstitucionalcronologico202454587\/category\/buscar-en-toda-la-corte\/2000\/tutelas-2000\/' title='Tutelas 2000' class='pt-cv-tax-tutelas-2000'>Tutelas 2000<\/a><\/div>\n<h4 class=\"pt-cv-title\"><a href=\"https:\/\/www.dmsjuridica.com\/buscador_20179478954\/corteconstitucionalcronologico202454587\/t-990-00\/\" class=\"_self\" target=\"_self\" >T-990-00<\/a><\/h4>\n<div class=\"pt-cv-content\">\u00a0 \u00a0 Sentencia T-990\/00 \u00a0 HOGARES COMUNITARIOS-V\u00ednculo contractual\/MADRE COMUNITARIA-V\u00ednculo contractual \u00a0 MADRE COMUNITARIA-Inexistencia de contrato laboral\/LICENCIA DE MATERNIDAD DE MADRES COMUNITARIAS-Improcedencia de reconocimiento \u00a0 Referencia: expedientes T-298609, T-309976, T-310294. \u00a0 Acciones de tutela instauradas por: Margarita Madrid Sol\u00eds, Martha Liliana Valdez Acosta, Claudia Patricia Azc\u00e1rate Bejarano y Erenia L\u00f3pez Ruedas contra el Instituto de los Seguros Sociales y la Asociaci\u00f3n de Padres de Hogares de Bienestar Saj\u00f3n Hondo de Guadalajara de Buga (Valle). \u00a0 Magistrado Ponente: \u00a0 Dr. ANTONIO BARRERA CARBONELL \u00a0 Santaf\u00e9 de Bogot\u00e1, D.C., agosto dos (2) de dos mil (2000). \u00a0 La Sala Primera de Revisi\u00f3n de ...<br \/><div class=\"pt-cv-rmwrap\"><a href=\"https:\/\/www.dmsjuridica.com\/buscador_20179478954\/corteconstitucionalcronologico202454587\/t-990-00\/\" class=\"_self pt-cv-readmore btn btn-success\" target=\"_self\">Ver Sentencia Completa...<\/a><\/div><\/div><\/div><\/div>\n<div class=\"col-md-12 col-sm-12 col-xs-12 pt-cv-content-item pt-cv-1-col\" ><div class='pt-cv-ifield'><a href=\"https:\/\/www.dmsjuridica.com\/buscador_20179478954\/corteconstitucionalcronologico202454587\/t-984-00\/\" class=\"_self pt-cv-href-thumbnail pt-cv-thumb-default\" target=\"_self\" ><\/a>\n<div class=\"pt-cv-taxoterm above_title\"><a href='https:\/\/www.dmsjuridica.com\/buscador_20179478954\/corteconstitucionalcronologico202454587\/category\/buscar-en-toda-la-corte\/2000\/tutelas-2000\/' title='Tutelas 2000' class='pt-cv-tax-tutelas-2000'>Tutelas 2000<\/a><\/div>\n<h4 class=\"pt-cv-title\"><a href=\"https:\/\/www.dmsjuridica.com\/buscador_20179478954\/corteconstitucionalcronologico202454587\/t-984-00\/\" class=\"_self\" target=\"_self\" >T-984-00<\/a><\/h4>\n<div class=\"pt-cv-content\">\u00a0 \u00a0 Sentencia T-984\/00 \u00a0 ACCION DE TUTELA-Improcedencia para determinar factores prestacionales \u00a0 No es posible que por la v\u00eda de tutela pueda la Corte establecer el monto de lo que debi\u00f3 liquidarse a los demandantes; en primer lugar porque no es la acci\u00f3n de tutela el medio id\u00f3neo para tal fin, eso corresponde a la v\u00eda ordinaria, y en segundo lugar, tendr\u00eda la Corte que hacer un estudio de la convenci\u00f3n que se encontraba vigente, para poder determinar que pagos o remuneraciones constituyen factor salarial y cuales no, lo cual escapa a la competencia del juez de tutela. De ...<br \/><div class=\"pt-cv-rmwrap\"><a href=\"https:\/\/www.dmsjuridica.com\/buscador_20179478954\/corteconstitucionalcronologico202454587\/t-984-00\/\" class=\"_self pt-cv-readmore btn btn-success\" target=\"_self\">Ver Sentencia Completa...<\/a><\/div><\/div><\/div><\/div>\n<div class=\"col-md-12 col-sm-12 col-xs-12 pt-cv-content-item pt-cv-1-col\" ><div class='pt-cv-ifield'><a href=\"https:\/\/www.dmsjuridica.com\/buscador_20179478954\/corteconstitucionalcronologico202454587\/t-983-00\/\" class=\"_self pt-cv-href-thumbnail pt-cv-thumb-default\" target=\"_self\" ><\/a>\n<div class=\"pt-cv-taxoterm above_title\"><a href='https:\/\/www.dmsjuridica.com\/buscador_20179478954\/corteconstitucionalcronologico202454587\/category\/buscar-en-toda-la-corte\/2000\/tutelas-2000\/' title='Tutelas 2000' class='pt-cv-tax-tutelas-2000'>Tutelas 2000<\/a><\/div>\n<h4 class=\"pt-cv-title\"><a href=\"https:\/\/www.dmsjuridica.com\/buscador_20179478954\/corteconstitucionalcronologico202454587\/t-983-00\/\" class=\"_self\" target=\"_self\" >T-983-00<\/a><\/h4>\n<div class=\"pt-cv-content\">\u00a0 \u00a0 Sentencia T-983\/00 \u00a0 ESPACIO PUBLICO-Presupuesto necesario para reubicaci\u00f3n de vendedores ambulantes \u00a0 DERECHO AL TRABAJO-Ejercicio del comercio informal \u00a0 PRINCIPIO DE LA CONFIANZA LEGITIMA-Alcance \u00a0 VENDEDOR ESTACIONARIO-Protecci\u00f3n y reubicaci\u00f3n \u00a0 Referencia: \u00a0expedientes \u00a0T-243622, \u00a0T-243634, T-244494, T-244860, T-244916, T-248837, T-248839, T-248887, T-252750, T-252767 y T-255101. \u00a0 Acci\u00f3n de tutela instaurada por Beatr\u00edz Mantilla, Rosa Blanca Fl\u00f3rez Luis Eduardo G\u00f3mez Rocha, Leonte Pe\u00f1a Rodr\u00edguez, Luz Amanda Figueroa Espinosa, Jos\u00e9 Santiago \u00c1vila Garc\u00eda, Mar\u00eda Etelvina Ram\u00edrez Hern\u00e1ndez, Mar\u00eda Herminda Garc\u00eda de L\u00f3pez, Jaime Beltr\u00e1n Nieto, Leonidas L\u00f3pez Higuera y Emelina Mateus de Robles contra la Alcald\u00eda Mayor de Santaf\u00e9 de Bogot\u00e1 ...<br \/><div class=\"pt-cv-rmwrap\"><a href=\"https:\/\/www.dmsjuridica.com\/buscador_20179478954\/corteconstitucionalcronologico202454587\/t-983-00\/\" class=\"_self pt-cv-readmore btn btn-success\" target=\"_self\">Ver Sentencia Completa...<\/a><\/div><\/div><\/div><\/div>\n<div class=\"col-md-12 col-sm-12 col-xs-12 pt-cv-content-item pt-cv-1-col\" ><div class='pt-cv-ifield'><a href=\"https:\/\/www.dmsjuridica.com\/buscador_20179478954\/corteconstitucionalcronologico202454587\/t-982-00\/\" class=\"_self pt-cv-href-thumbnail pt-cv-thumb-default\" target=\"_self\" ><\/a>\n<div class=\"pt-cv-taxoterm above_title\"><a href='https:\/\/www.dmsjuridica.com\/buscador_20179478954\/corteconstitucionalcronologico202454587\/category\/buscar-en-toda-la-corte\/2000\/tutelas-2000\/' title='Tutelas 2000' class='pt-cv-tax-tutelas-2000'>Tutelas 2000<\/a><\/div>\n<h4 class=\"pt-cv-title\"><a href=\"https:\/\/www.dmsjuridica.com\/buscador_20179478954\/corteconstitucionalcronologico202454587\/t-982-00\/\" class=\"_self\" target=\"_self\" >T-982-00<\/a><\/h4>\n<div class=\"pt-cv-content\">\u00a0 \u00a0 Sentencia T-982\/00 \u00a0 ACCION DE TUTELA-Improcedencia contra actos de car\u00e1cter general, impersonal y abstracto \u00a0 DERECHO A LA IGUALDAD-Bonificaci\u00f3n por compensaci\u00f3n para algunos servidores de la Rama Judicial \u00a0 Referencia: expedientes acumulados T-313.624 y T-313.625 \u00a0 Acciones de tutela contra el Presidente de la Rep\u00fablica, el Ministro de Justicia y del Derecho, el Ministro de Hacienda y Cr\u00e9dito P\u00fablico y el Director del Departamento Administrativo de la Funci\u00f3n P\u00fablica por una presunta violaci\u00f3n del derecho a la igualdad. \u00a0 Tema: \u00a0 Igualdad y r\u00e9gimen salarial. \u00a0 Actores: Ligia S\u00e1nchez de P\u00e9rez y Roselia Rueda Ardila \u00a0 Magistrado Ponente: ...<br \/><div class=\"pt-cv-rmwrap\"><a href=\"https:\/\/www.dmsjuridica.com\/buscador_20179478954\/corteconstitucionalcronologico202454587\/t-982-00\/\" class=\"_self pt-cv-readmore btn btn-success\" target=\"_self\">Ver Sentencia Completa...<\/a><\/div><\/div><\/div><\/div>\n<div class=\"col-md-12 col-sm-12 col-xs-12 pt-cv-content-item pt-cv-1-col\" ><div class='pt-cv-ifield'><a href=\"https:\/\/www.dmsjuridica.com\/buscador_20179478954\/corteconstitucionalcronologico202454587\/t-981-00\/\" class=\"_self pt-cv-href-thumbnail pt-cv-thumb-default\" target=\"_self\" ><\/a>\n<div class=\"pt-cv-taxoterm above_title\"><a href='https:\/\/www.dmsjuridica.com\/buscador_20179478954\/corteconstitucionalcronologico202454587\/category\/buscar-en-toda-la-corte\/2000\/tutelas-2000\/' title='Tutelas 2000' class='pt-cv-tax-tutelas-2000'>Tutelas 2000<\/a><\/div>\n<h4 class=\"pt-cv-title\"><a href=\"https:\/\/www.dmsjuridica.com\/buscador_20179478954\/corteconstitucionalcronologico202454587\/t-981-00\/\" class=\"_self\" target=\"_self\" >T-981-00<\/a><\/h4>\n<div class=\"pt-cv-content\">\u00a0 \u00a0 Sentencia T-981\/00 \u00a0 EMPLEADOR-Facultades sancionatorias proporcionadas y precedidas de un tr\u00e1mite \u00a0 ACCION DE TUTELA-Protecci\u00f3n de trabajadores ante formas ileg\u00edtimas de sanci\u00f3n que restringen derechos fundamentales \u00a0 DIGNIDAD DEL TRABAJADOR-Actos de hostigamiento contra miembro y directivo de sindicato \u00a0 DERECHO A CONSTITUIR UN SINDICATO-Ilegitimidad de conductas del patrono que tiendan a restringirlo absolutamente \u00a0 DEBIDO PROCESO-Vulneraci\u00f3n por formas ileg\u00edtimas de sanci\u00f3n\/ACTIVIDADES SINDICALES REALIZADAS DURANTE LA JORNADA LABORAL \u00a0 Referencia: expedientes T-309.944 y T-309.950 \u00a0 Acciones de tutela contra el Gobernador de Antioquia y la F\u00e1brica de Licores de Antioquia por una presunta violaci\u00f3n de los derechos de petici\u00f3n, ...<br \/><div class=\"pt-cv-rmwrap\"><a href=\"https:\/\/www.dmsjuridica.com\/buscador_20179478954\/corteconstitucionalcronologico202454587\/t-981-00\/\" class=\"_self pt-cv-readmore btn btn-success\" target=\"_self\">Ver Sentencia Completa...<\/a><\/div><\/div><\/div><\/div>\n<div class=\"col-md-12 col-sm-12 col-xs-12 pt-cv-content-item pt-cv-1-col\" ><div class='pt-cv-ifield'><a href=\"https:\/\/www.dmsjuridica.com\/buscador_20179478954\/corteconstitucionalcronologico202454587\/t-980-00\/\" class=\"_self pt-cv-href-thumbnail pt-cv-thumb-default\" target=\"_self\" ><\/a>\n<div class=\"pt-cv-taxoterm above_title\"><a href='https:\/\/www.dmsjuridica.com\/buscador_20179478954\/corteconstitucionalcronologico202454587\/category\/buscar-en-toda-la-corte\/2000\/tutelas-2000\/' title='Tutelas 2000' class='pt-cv-tax-tutelas-2000'>Tutelas 2000<\/a><\/div>\n<h4 class=\"pt-cv-title\"><a href=\"https:\/\/www.dmsjuridica.com\/buscador_20179478954\/corteconstitucionalcronologico202454587\/t-980-00\/\" class=\"_self\" target=\"_self\" >T-980-00<\/a><\/h4>\n<div class=\"pt-cv-content\">\u00a0 \u00a0 Sentencia T-980\/00 \u00a0 PRINCIPIO DE UNIDAD PROCESAL-Alcance\/MEDIO DE DEFENSA JUDICIAL-Irregularidades en la celebraci\u00f3n de contratos \u00a0 Referencia: expediente T-307.212 \u00a0 Acci\u00f3n de tutela contra la Fiscal\u00eda General de la Naci\u00f3n por una presunta violaci\u00f3n del derecho al debido proceso. \u00a0 Tema: \u00a0 Principio de la unidad procesal. \u00a0 Actor: Hern\u00e1n Jos\u00e9 Mogoll\u00f3n Bacca.\u00a0 \u00a0 Magistrado Ponente:\u00a0 \u00a0 Dr. CARLOS GAVIRIA D\u00cdAZ \u00a0 Santaf\u00e9 de Bogot\u00e1 D.C., primero (1\u00ba) de agosto del a\u00f1o dos mil (2000). \u00a0 La Sala Cuarta de Revisi\u00f3n de Tutelas de la Corte Constitucional, compuesta por los Magistrados Jos\u00e9 Gregorio Hern\u00e1ndez Galindo, Alejandro Mart\u00ednez Caballero, ...<br \/><div class=\"pt-cv-rmwrap\"><a href=\"https:\/\/www.dmsjuridica.com\/buscador_20179478954\/corteconstitucionalcronologico202454587\/t-980-00\/\" class=\"_self pt-cv-readmore btn btn-success\" target=\"_self\">Ver Sentencia Completa...<\/a><\/div><\/div><\/div><\/div>\n<div class=\"col-md-12 col-sm-12 col-xs-12 pt-cv-content-item pt-cv-1-col\" ><div class='pt-cv-ifield'><a href=\"https:\/\/www.dmsjuridica.com\/buscador_20179478954\/corteconstitucionalcronologico202454587\/t-979-00\/\" class=\"_self pt-cv-href-thumbnail pt-cv-thumb-default\" target=\"_self\" ><\/a>\n<div class=\"pt-cv-taxoterm above_title\"><a href='https:\/\/www.dmsjuridica.com\/buscador_20179478954\/corteconstitucionalcronologico202454587\/category\/buscar-en-toda-la-corte\/2000\/tutelas-2000\/' title='Tutelas 2000' class='pt-cv-tax-tutelas-2000'>Tutelas 2000<\/a><\/div>\n<h4 class=\"pt-cv-title\"><a href=\"https:\/\/www.dmsjuridica.com\/buscador_20179478954\/corteconstitucionalcronologico202454587\/t-979-00\/\" class=\"_self\" target=\"_self\" >T-979-00<\/a><\/h4>\n<div class=\"pt-cv-content\">\u00a0 \u00a0 Sentencia T-979\/00 \u00a0 DERECHO DE PETICION-N\u00facleo esencial\/DERECHO DE PETICION-Pronta resoluci\u00f3n \u00a0 ACTO ADMINISTRATIVO DISCRECIONAL-No implica arbitrariedad \u00a0 La existencia de un acto administrativo discrecional no es raz\u00f3n suficiente para desvirtuar una posible vulneraci\u00f3n del derecho a la igualdad. Al respecto, debe recordar la Corte, que los actos administrativos discrecionales en modo alguno implican arbitrariedad, ya que requieren necesariamente de una expedita motivaci\u00f3n a fin de determinar las razones por las cuales la Administraci\u00f3n apoya uno u otro resultado. Esa expresi\u00f3n de la Administraci\u00f3n, adem\u00e1s, est\u00e1 sujeta a controles administrativos y jurisdiccionales, y permite en consecuencia el ejercicio del ...<br \/><div class=\"pt-cv-rmwrap\"><a href=\"https:\/\/www.dmsjuridica.com\/buscador_20179478954\/corteconstitucionalcronologico202454587\/t-979-00\/\" class=\"_self pt-cv-readmore btn btn-success\" target=\"_self\">Ver Sentencia Completa...<\/a><\/div><\/div><\/div><\/div>\n<div class=\"col-md-12 col-sm-12 col-xs-12 pt-cv-content-item pt-cv-1-col\" ><div class='pt-cv-ifield'><a href=\"https:\/\/www.dmsjuridica.com\/buscador_20179478954\/corteconstitucionalcronologico202454587\/t-978-00\/\" class=\"_self pt-cv-href-thumbnail pt-cv-thumb-default\" target=\"_self\" ><\/a>\n<div class=\"pt-cv-taxoterm above_title\"><a href='https:\/\/www.dmsjuridica.com\/buscador_20179478954\/corteconstitucionalcronologico202454587\/category\/buscar-en-toda-la-corte\/2000\/tutelas-2000\/' title='Tutelas 2000' class='pt-cv-tax-tutelas-2000'>Tutelas 2000<\/a><\/div>\n<h4 class=\"pt-cv-title\"><a href=\"https:\/\/www.dmsjuridica.com\/buscador_20179478954\/corteconstitucionalcronologico202454587\/t-978-00\/\" class=\"_self\" target=\"_self\" >T-978-00<\/a><\/h4>\n<div class=\"pt-cv-content\">\u00a0 \u00a0 Sentencia T-978\/00 \u00a0 LICENCIA DE MATERNIDAD-Procedencia excepcional de tutela para el pago \u00a0 MADRE COMUNITARIA-Vinculaci\u00f3n a r\u00e9gimen subsidiado\/LICENCIA DE MATERNIDAD DE MADRES COMUNITARIAS-Improcedencia de pago por vinculaci\u00f3n a r\u00e9gimen subsidiado \u00a0 Referencia: expedientes T-308.240 y T-308.967 (acumulados) \u00a0 Peticionaria: Olga Silva Mej\u00eda y Otros \u00a0 Magistrado Ponente:\u00a0 \u00a0 Dr. ALEJANDRO MART\u00cdNEZ CABALLERO \u00a0 Santa Fe de Bogot\u00e1, treinta y uno (31) de julio de dos mil (2000) \u00a0 La Sala Sexta de Revisi\u00f3n de la Corte Constitucional, integrada por los Magistrados Alejandro Mart\u00ednez Caballero, Fabio Mor\u00f3n D\u00edaz y Vladimiro Naranjo Mesa, en ejercicio de sus competencias constitucionales y ...<br \/><div class=\"pt-cv-rmwrap\"><a href=\"https:\/\/www.dmsjuridica.com\/buscador_20179478954\/corteconstitucionalcronologico202454587\/t-978-00\/\" class=\"_self pt-cv-readmore btn btn-success\" target=\"_self\">Ver Sentencia Completa...<\/a><\/div><\/div><\/div><\/div>\n<div class=\"col-md-12 col-sm-12 col-xs-12 pt-cv-content-item pt-cv-1-col\" ><div class='pt-cv-ifield'><a href=\"https:\/\/www.dmsjuridica.com\/buscador_20179478954\/corteconstitucionalcronologico202454587\/t-977-00\/\" class=\"_self pt-cv-href-thumbnail pt-cv-thumb-default\" target=\"_self\" ><\/a>\n<div class=\"pt-cv-taxoterm above_title\"><a href='https:\/\/www.dmsjuridica.com\/buscador_20179478954\/corteconstitucionalcronologico202454587\/category\/buscar-en-toda-la-corte\/2000\/tutelas-2000\/' title='Tutelas 2000' class='pt-cv-tax-tutelas-2000'>Tutelas 2000<\/a><\/div>\n<h4 class=\"pt-cv-title\"><a href=\"https:\/\/www.dmsjuridica.com\/buscador_20179478954\/corteconstitucionalcronologico202454587\/t-977-00\/\" class=\"_self\" target=\"_self\" >T-977-00<\/a><\/h4>\n<div class=\"pt-cv-content\">\u00a0 \u00a0 Sentencia T-977\/00 \u00a0 ACCION DE TUTELA-Procedencia excepcional pago de salarios\/DERECHO AL PAGO OPORTUNO DEL SALARIO-Fundamental\/DERECHO AL MINIMO VITAL DEL TRABAJADOR-Pago oportuno de salarios \u00a0 Referencia: expediente T-308117 \u00a0 Procedencia: Tribunal Superior Distrito Judicial de Barranquilla, Atl\u00e1ntico.\u00a0 \u00a0 \u00a0 \u00a0 Actor: Ana Mar\u00eda Arias Pical\u00faa \u00a0 Magistrado Ponente: \u00a0 Dr. ALEJANDRO MARTINEZ CABALLERO \u00a0 Santa Fe de Bogot\u00e1, D.C., \u00a0treinta y uno (31) de julio de dos mil (2.000). \u00a0 La Sala Sexta de Revisi\u00f3n de la Corte Constitucional, integrada por los Magistrados doctores Alejandro Mart\u00ednez Caballero, Fabio Mor\u00f3n D\u00edaz y Vladimiro Naranjo Mesa, en ejercicio de sus competencias ...<br \/><div class=\"pt-cv-rmwrap\"><a href=\"https:\/\/www.dmsjuridica.com\/buscador_20179478954\/corteconstitucionalcronologico202454587\/t-977-00\/\" class=\"_self pt-cv-readmore btn btn-success\" target=\"_self\">Ver Sentencia Completa...<\/a><\/div><\/div><\/div><\/div>\n<div class=\"col-md-12 col-sm-12 col-xs-12 pt-cv-content-item pt-cv-1-col\" ><div class='pt-cv-ifield'><a href=\"https:\/\/www.dmsjuridica.com\/buscador_20179478954\/corteconstitucionalcronologico202454587\/t-976-00\/\" class=\"_self pt-cv-href-thumbnail pt-cv-thumb-default\" target=\"_self\" ><\/a>\n<div class=\"pt-cv-taxoterm above_title\"><a href='https:\/\/www.dmsjuridica.com\/buscador_20179478954\/corteconstitucionalcronologico202454587\/category\/buscar-en-toda-la-corte\/2000\/tutelas-2000\/' title='Tutelas 2000' class='pt-cv-tax-tutelas-2000'>Tutelas 2000<\/a><\/div>\n<h4 class=\"pt-cv-title\"><a href=\"https:\/\/www.dmsjuridica.com\/buscador_20179478954\/corteconstitucionalcronologico202454587\/t-976-00\/\" class=\"_self\" target=\"_self\" >T-976-00<\/a><\/h4>\n<div class=\"pt-cv-content\">\u00a0 \u00a0 Sentencia T-976\/00 \u00a0 AGENCIA OFICIOSA EN TUTELA-Legitimidad e inter\u00e9s\/AGENCIA OFICIOSA EN TUTELA-Consentimiento del titular \u00a0 DERECHO A LA SALUD-Conexidad con la vida \u00a0 DERECHO A LA VIDA DIGNA-Condiciones de gravedad\u00a0 \u00a0 ENFERMEDADES CATASTROFICAS O RUINOSAS-Periodo m\u00ednimo de cotizaci\u00f3n no es extensivo a casos de urgencia \u00a0 ACCION DE TUTELA-Prueba de amenaza o violaci\u00f3n de un derecho fundamental \u00a0 Referencia: expediente T-307142 \u00a0 Procedencia: \u00a0Juzgado Quinto Penal del Circuito de Santaf\u00e9 de Bogot\u00e1. \u00a0 Actor: William Ancizar Pe\u00f1a Pinilla en representaci\u00f3n de su hermana, Blanca Jineth Pe\u00f1a Pinilla. \u00a0 Accionado: \u00a0Instituto de Seguro Social Seccional Cundinamarca y D.C. \u00a0 ...<br \/><div class=\"pt-cv-rmwrap\"><a href=\"https:\/\/www.dmsjuridica.com\/buscador_20179478954\/corteconstitucionalcronologico202454587\/t-976-00\/\" class=\"_self pt-cv-readmore btn btn-success\" target=\"_self\">Ver Sentencia Completa...<\/a><\/div><\/div><\/div><\/div>\n<div class=\"col-md-12 col-sm-12 col-xs-12 pt-cv-content-item pt-cv-1-col\" ><div class='pt-cv-ifield'><a href=\"https:\/\/www.dmsjuridica.com\/buscador_20179478954\/corteconstitucionalcronologico202454587\/t-975-00\/\" class=\"_self pt-cv-href-thumbnail pt-cv-thumb-default\" target=\"_self\" ><\/a>\n<div class=\"pt-cv-taxoterm above_title\"><a href='https:\/\/www.dmsjuridica.com\/buscador_20179478954\/corteconstitucionalcronologico202454587\/category\/buscar-en-toda-la-corte\/2000\/tutelas-2000\/' title='Tutelas 2000' class='pt-cv-tax-tutelas-2000'>Tutelas 2000<\/a><\/div>\n<h4 class=\"pt-cv-title\"><a href=\"https:\/\/www.dmsjuridica.com\/buscador_20179478954\/corteconstitucionalcronologico202454587\/t-975-00\/\" class=\"_self\" target=\"_self\" >T-975-00<\/a><\/h4>\n<div class=\"pt-cv-content\">\u00a0 \u00a0 Sentencia T-975\/00 \u00a0 DERECHOS COLECTIVOS-Fundamentales por conexidad \u00a0 DERECHO A LA INTIMIDAD PERSONAL Y FAMILIAR-Emanaci\u00f3n de malos olores \u00a0 DERECHO AL AMBIENTE SANO-Vulneraci\u00f3n por malos olores \u00a0 DERECHO AL AMBIENTE SANO-Porqueriza limpia y sin contaminaci\u00f3n \u00a0 DERECHO A LA VIDA-Peligro por cableado el\u00e9ctrico de predio vecino \u00a0 Referencia: expediente T-296917 \u00a0 Accionante: Luz Amanda Saldarriaga Ortiz \u00a0 \u00a0 Accionado: Alvaro Urrea Botero \u00a0 Magistrado Ponente: \u00a0 Dr. ALEJANDRO MARTINEZ CABALLERO \u00a0 Santa Fe de Bogot\u00e1, D.C., treinta y uno (31) de julio de dos mil (2000).\u00a0 \u00a0 La Sala Sexta de Revisi\u00f3n de la Corte Constitucional, integrada por ...<br \/><div class=\"pt-cv-rmwrap\"><a href=\"https:\/\/www.dmsjuridica.com\/buscador_20179478954\/corteconstitucionalcronologico202454587\/t-975-00\/\" class=\"_self pt-cv-readmore btn btn-success\" target=\"_self\">Ver Sentencia Completa...<\/a><\/div><\/div><\/div><\/div>\n<div class=\"col-md-12 col-sm-12 col-xs-12 pt-cv-content-item pt-cv-1-col\" ><div class='pt-cv-ifield'><a href=\"https:\/\/www.dmsjuridica.com\/buscador_20179478954\/corteconstitucionalcronologico202454587\/t-974-00\/\" class=\"_self pt-cv-href-thumbnail pt-cv-thumb-default\" target=\"_self\" ><\/a>\n<div class=\"pt-cv-taxoterm above_title\"><a href='https:\/\/www.dmsjuridica.com\/buscador_20179478954\/corteconstitucionalcronologico202454587\/category\/buscar-en-toda-la-corte\/2000\/tutelas-2000\/' title='Tutelas 2000' class='pt-cv-tax-tutelas-2000'>Tutelas 2000<\/a><\/div>\n<h4 class=\"pt-cv-title\"><a href=\"https:\/\/www.dmsjuridica.com\/buscador_20179478954\/corteconstitucionalcronologico202454587\/t-974-00\/\" class=\"_self\" target=\"_self\" >T-974-00<\/a><\/h4>\n<div class=\"pt-cv-content\">\u00a0 \u00a0 Sentencia T-974\/00 \u00a0 ENFERMEDADES CATASTROFICAS O RUINOSAS-Tratamiento de persona de escasos recursos sin cumplir periodo m\u00ednimo de cotizaci\u00f3n\/ENTIDAD PROMOTORA DE SALUD-Tratamiento de persona de escasos recursos sin cumplir periodo m\u00ednimo de cotizaci\u00f3n \u00a0 ENFERMEDADES DE ALTO COSTO-Periodo m\u00ednimo de cotizaci\u00f3n no es extensivo a casos de urgencia \u00a0 DERECHO A LA SALUD DEL NI\u00d1O-Fundamental prevalente \u00a0 DERECHO A LA SALUD DEL NI\u00d1O-Continuidad en tratamiento para el c\u00e1ncer \u00a0 Referencia: expediente T- 308450 \u00a0 \u00a0 \u00a0 Acci\u00f3n de tutela instaurada por Betty Arroyo Ben\u00edtez en representaci\u00f3n de su sobrina Sandy Patricia Dur\u00e1n M\u00e1rquez contra el Instituto de Seguro Social ...<br \/><div class=\"pt-cv-rmwrap\"><a href=\"https:\/\/www.dmsjuridica.com\/buscador_20179478954\/corteconstitucionalcronologico202454587\/t-974-00\/\" class=\"_self pt-cv-readmore btn btn-success\" target=\"_self\">Ver Sentencia Completa...<\/a><\/div><\/div><\/div><\/div>\n<div class=\"col-md-12 col-sm-12 col-xs-12 pt-cv-content-item pt-cv-1-col\" ><div class='pt-cv-ifield'><a href=\"https:\/\/www.dmsjuridica.com\/buscador_20179478954\/corteconstitucionalcronologico202454587\/t-973-00\/\" class=\"_self pt-cv-href-thumbnail pt-cv-thumb-default\" target=\"_self\" ><\/a>\n<div class=\"pt-cv-taxoterm above_title\"><a href='https:\/\/www.dmsjuridica.com\/buscador_20179478954\/corteconstitucionalcronologico202454587\/category\/buscar-en-toda-la-corte\/2000\/tutelas-2000\/' title='Tutelas 2000' class='pt-cv-tax-tutelas-2000'>Tutelas 2000<\/a><\/div>\n<h4 class=\"pt-cv-title\"><a href=\"https:\/\/www.dmsjuridica.com\/buscador_20179478954\/corteconstitucionalcronologico202454587\/t-973-00\/\" class=\"_self\" target=\"_self\" >T-973-00<\/a><\/h4>\n<div class=\"pt-cv-content\">\u00a0 \u00a0 Sentencia T-973\/00 \u00a0 ACCION DE TUTELA-Procedencia excepcional pago de salarios\/DERECHO AL MINIMO VITAL DEL TRABAJADOR-Pago oportuno de salarios \u00a0 ORGANOS DE CONTROL-Autonom\u00eda\/ORGANOS DE CONTROL-Gesti\u00f3n presupuestal y distribuci\u00f3n de partidas para pago oportuno de salarios \u00a0 Referencia: expedientes T-308366 \u00a0 Procedencia: Corte Suprema de Justicia.\u00a0 \u00a0 \u00a0 \u00a0 Actor: Jes\u00fas Mar\u00eda Hern\u00e1ndez S\u00e1nchez \u00a0 Magistrado Ponente: \u00a0 Dr. ALEJANDRO MARTINEZ CABALLERO \u00a0 Santa Fe de Bogot\u00e1, D.C., \u00a0treinta y uno (31) de julio de dos mil (2.000). \u00a0 La Sala Sexta de Revisi\u00f3n de la Corte Constitucional, integrada por los Magistrados doctores Alejandro Mart\u00ednez Caballero, Fabio Mor\u00f3n D\u00edaz y ...<br \/><div class=\"pt-cv-rmwrap\"><a href=\"https:\/\/www.dmsjuridica.com\/buscador_20179478954\/corteconstitucionalcronologico202454587\/t-973-00\/\" class=\"_self pt-cv-readmore btn btn-success\" target=\"_self\">Ver Sentencia Completa...<\/a><\/div><\/div><\/div><\/div>\n<div class=\"col-md-12 col-sm-12 col-xs-12 pt-cv-content-item pt-cv-1-col\" ><div class='pt-cv-ifield'><a href=\"https:\/\/www.dmsjuridica.com\/buscador_20179478954\/corteconstitucionalcronologico202454587\/t-972-00\/\" class=\"_self pt-cv-href-thumbnail pt-cv-thumb-default\" target=\"_self\" ><\/a>\n<div class=\"pt-cv-taxoterm above_title\"><a href='https:\/\/www.dmsjuridica.com\/buscador_20179478954\/corteconstitucionalcronologico202454587\/category\/buscar-en-toda-la-corte\/2000\/tutelas-2000\/' title='Tutelas 2000' class='pt-cv-tax-tutelas-2000'>Tutelas 2000<\/a><\/div>\n<h4 class=\"pt-cv-title\"><a href=\"https:\/\/www.dmsjuridica.com\/buscador_20179478954\/corteconstitucionalcronologico202454587\/t-972-00\/\" class=\"_self\" target=\"_self\" >T-972-00<\/a><\/h4>\n<div class=\"pt-cv-content\">\u00a0 \u00a0 Sentencia T-972\/00 \u00a0 ACCION DE TUTELA-Carencia actual de objeto \u00a0 SENTENCIA DE REVISION DE TUTELA-Carencia actual de objeto no exime pronunciamiento de fondo \u00a0 SENTENCIA DE REVISION DE TUTELA-Fallecimiento de actor no exime pronunciamiento de fondo \u00a0 ACCION DE TUTELA-Hecho consumado \u00a0 Referencia: expediente T-308590 \u00a0 Acci\u00f3n de tutela instaurada por Luis Fernando Montes Murillo contra la E.S.E. Hospital La Mar\u00eda de Medell\u00edn y el SISBEN - Medell\u00edn por una presunta vulneraci\u00f3n de sus derechos a la vida, a la salud y a la seguridad social. \u00a0 Magistrado Ponente:\u00a0 \u00a0 Dr. ALEJANDRO MARTINEZ CABALLERO. \u00a0 Santaf\u00e9 de Bogot\u00e1 ...<br \/><div class=\"pt-cv-rmwrap\"><a href=\"https:\/\/www.dmsjuridica.com\/buscador_20179478954\/corteconstitucionalcronologico202454587\/t-972-00\/\" class=\"_self pt-cv-readmore btn btn-success\" target=\"_self\">Ver Sentencia Completa...<\/a><\/div><\/div><\/div><\/div>\n<div class=\"col-md-12 col-sm-12 col-xs-12 pt-cv-content-item pt-cv-1-col\" ><div class='pt-cv-ifield'><a href=\"https:\/\/www.dmsjuridica.com\/buscador_20179478954\/corteconstitucionalcronologico202454587\/t-971-00\/\" class=\"_self pt-cv-href-thumbnail pt-cv-thumb-default\" target=\"_self\" ><\/a>\n<div class=\"pt-cv-taxoterm above_title\"><a href='https:\/\/www.dmsjuridica.com\/buscador_20179478954\/corteconstitucionalcronologico202454587\/category\/buscar-en-toda-la-corte\/2000\/tutelas-2000\/' title='Tutelas 2000' class='pt-cv-tax-tutelas-2000'>Tutelas 2000<\/a><\/div>\n<h4 class=\"pt-cv-title\"><a href=\"https:\/\/www.dmsjuridica.com\/buscador_20179478954\/corteconstitucionalcronologico202454587\/t-971-00\/\" class=\"_self\" target=\"_self\" >T-971-00<\/a><\/h4>\n<div class=\"pt-cv-content\">\u00a0 \u00a0 Sentencia T-971\/00 \u00a0 ACCION DE TUTELA-Procedencia excepcional pago de salarios \u00a0 DERECHO AL PAGO OPORTUNO DEL SALARIO-No importa modalidad en que se desempe\u00f1e el trabajo \u00a0 DERECHO AL PAGO OPORTUNO DEL SALARIO-Fundamental \u00a0 DERECHO AL MINIMO VITAL-Prueba de la amenaza \u00a0 DERECHO AL PAGO OPORTUNO DEL SALARIO-Determinaci\u00f3n de cantidades debidas y \u00f3rdenes del juez \u00a0 JUEZ DE PRIMERA INSTANCIA-Competencia para hacer cumplir la orden de tutela \u00a0 SENTENCIA DE TUTELA-Cumplimiento en d\u00edas y horas h\u00e1biles\/SENTENCIA DE TUTELA-Cumplimiento dentro de las 48 horas deben ser h\u00e1biles \u00a0 SENTENCIA DE TUTELA-Funciones del juez de primera instancia para el cumplimiento \u00a0 ...<br \/><div class=\"pt-cv-rmwrap\"><a href=\"https:\/\/www.dmsjuridica.com\/buscador_20179478954\/corteconstitucionalcronologico202454587\/t-971-00\/\" class=\"_self pt-cv-readmore btn btn-success\" target=\"_self\">Ver Sentencia Completa...<\/a><\/div><\/div><\/div><\/div>\n<div class=\"col-md-12 col-sm-12 col-xs-12 pt-cv-content-item pt-cv-1-col\" ><div class='pt-cv-ifield'><a href=\"https:\/\/www.dmsjuridica.com\/buscador_20179478954\/corteconstitucionalcronologico202454587\/t-970-00\/\" class=\"_self pt-cv-href-thumbnail pt-cv-thumb-default\" target=\"_self\" ><\/a>\n<div class=\"pt-cv-taxoterm above_title\"><a href='https:\/\/www.dmsjuridica.com\/buscador_20179478954\/corteconstitucionalcronologico202454587\/category\/buscar-en-toda-la-corte\/2000\/tutelas-2000\/' title='Tutelas 2000' class='pt-cv-tax-tutelas-2000'>Tutelas 2000<\/a><\/div>\n<h4 class=\"pt-cv-title\"><a href=\"https:\/\/www.dmsjuridica.com\/buscador_20179478954\/corteconstitucionalcronologico202454587\/t-970-00\/\" class=\"_self\" target=\"_self\" >T-970-00<\/a><\/h4>\n<div class=\"pt-cv-content\">EDUCACION-Obligaci\u00f3n de la familia \u00a0 COLEGIO PRIVADO-Retenci\u00f3n notas y certificados de estudios por no pago de pensi\u00f3n \u00a0 Referencia: expediente T- 308954 \u00a0 \u00a0 \u00a0 Acci\u00f3n de tutela instaurada por Elizabeth Rueda \u00a0 Procedencia: Juzgado 16 Penal Municipal de Cali \u00a0 Magistrado Ponente: \u00a0 Dr. ALEJANDRO MARTINEZ CABALLERO \u00a0 Santa Fe de Bogot\u00e1, D.C., treinta y uno (31) de julio de dos mil (2.000). \u00a0 La Sala Sexta de Revisi\u00f3n de la Corte Constitucional, integrada por los Magistrados doctores Alejandro Mart\u00ednez Caballero, Fabio Mor\u00f3n D\u00edaz y Vladimiro Naranjo Mesa, en ejercicio de sus competencias constitucionales y legales, ha proferido la ...<br \/><div class=\"pt-cv-rmwrap\"><a href=\"https:\/\/www.dmsjuridica.com\/buscador_20179478954\/corteconstitucionalcronologico202454587\/t-970-00\/\" class=\"_self pt-cv-readmore btn btn-success\" target=\"_self\">Ver Sentencia Completa...<\/a><\/div><\/div><\/div><\/div>\n<div class=\"col-md-12 col-sm-12 col-xs-12 pt-cv-content-item pt-cv-1-col\" ><div class='pt-cv-ifield'><a href=\"https:\/\/www.dmsjuridica.com\/buscador_20179478954\/corteconstitucionalcronologico202454587\/t-969-00\/\" class=\"_self pt-cv-href-thumbnail pt-cv-thumb-default\" target=\"_self\" ><\/a>\n<div class=\"pt-cv-taxoterm above_title\"><a href='https:\/\/www.dmsjuridica.com\/buscador_20179478954\/corteconstitucionalcronologico202454587\/category\/buscar-en-toda-la-corte\/2000\/tutelas-2000\/' title='Tutelas 2000' class='pt-cv-tax-tutelas-2000'>Tutelas 2000<\/a><\/div>\n<h4 class=\"pt-cv-title\"><a href=\"https:\/\/www.dmsjuridica.com\/buscador_20179478954\/corteconstitucionalcronologico202454587\/t-969-00\/\" class=\"_self\" target=\"_self\" >T-969-00<\/a><\/h4>\n<div class=\"pt-cv-content\">\u00a0 \u00a0 Sentencia T-969\/00 \u00a0 MUJER TRABAJADORA EMBARAZADA-Protecci\u00f3n laboral\/DESPIDO DE MUJER EMBARAZADA SIN AUTORIZACION PREVIA-Ineficacia \u00a0 DERECHO A LA ESTABILIDAD LABORAL REFORZADA DE MUJER EMBARAZADA-Car\u00e1cter fundamental \u00a0 ACCION DE TUTELA TRANSITORIA-Casos excepcionales de reintegro por despido de mujer embarazada \u00a0 ACCION DE TUTELA TRANSITORIA DEL DERECHO A LA ESTABILIDAD LABORAL REFORZADA DE MUJER EMBARAZADA-Elementos f\u00e1cticos que deben demostrarse \u00a0 Referencia: expediente T-308904 \u00a0 \u00a0 \u00a0 Acci\u00f3n de tutela instaurada por Mar\u00eda Palacios contra Servicios y Asesor\u00edas S.A.\u00a0 \u00a0 Procedencia: Juzgado 31 Penal Municipal de Cali \u00a0 Magistrado Ponente: \u00a0 Dr. ALEJANDRO MARTINEZ CABALLERO \u00a0 Santa Fe de Bogot\u00e1, D.C., treinta ...<br \/><div class=\"pt-cv-rmwrap\"><a href=\"https:\/\/www.dmsjuridica.com\/buscador_20179478954\/corteconstitucionalcronologico202454587\/t-969-00\/\" class=\"_self pt-cv-readmore btn btn-success\" target=\"_self\">Ver Sentencia Completa...<\/a><\/div><\/div><\/div><\/div>\n<div class=\"col-md-12 col-sm-12 col-xs-12 pt-cv-content-item pt-cv-1-col\" ><div class='pt-cv-ifield'><a href=\"https:\/\/www.dmsjuridica.com\/buscador_20179478954\/corteconstitucionalcronologico202454587\/t-968-00\/\" class=\"_self pt-cv-href-thumbnail pt-cv-thumb-default\" target=\"_self\" ><\/a>\n<div class=\"pt-cv-taxoterm above_title\"><a href='https:\/\/www.dmsjuridica.com\/buscador_20179478954\/corteconstitucionalcronologico202454587\/category\/buscar-en-toda-la-corte\/2000\/tutelas-2000\/' title='Tutelas 2000' class='pt-cv-tax-tutelas-2000'>Tutelas 2000<\/a><\/div>\n<h4 class=\"pt-cv-title\"><a href=\"https:\/\/www.dmsjuridica.com\/buscador_20179478954\/corteconstitucionalcronologico202454587\/t-968-00\/\" class=\"_self\" target=\"_self\" >T-968-00<\/a><\/h4>\n<div class=\"pt-cv-content\">\u00a0 \u00a0 Sentencia T-968\/00 \u00a0 ACCION DE TUTELA-Procedencia excepcional pago de mesadas pensionales\/DERECHO AL MINIMO VITAL DEL PENSIONADO-Pago oportuno de mesadas \u00a0 DERECHO AL MINIMO VITAL-Prueba de la amenaza \u00a0 JUEZ DE PRIMERA INSTANCIA-Competencia para hacer cumplir la orden de tutela \u00a0 PROCURADOR GENERAL DE LA NACION-Funci\u00f3n en cuanto al cumplimiento de la sentencia de tutela \u00a0 SENTENCIA DE TUTELA-Cumplimiento en d\u00edas y horas h\u00e1biles \u00a0 SENTENCIA DE TUTELA-Funciones del juez de Primera Instancia para el cumplimiento \u00a0 Referencia: expediente T- 309048 \u00a0 Acci\u00f3n de tutela instaurada por Luis Miguel Julio Mej\u00eda \u00a0 Procedencia: Juzgado Promiscuo Municipal de Ayapel \u00a0 ...<br \/><div class=\"pt-cv-rmwrap\"><a href=\"https:\/\/www.dmsjuridica.com\/buscador_20179478954\/corteconstitucionalcronologico202454587\/t-968-00\/\" class=\"_self pt-cv-readmore btn btn-success\" target=\"_self\">Ver Sentencia Completa...<\/a><\/div><\/div><\/div><\/div>\n<div class=\"col-md-12 col-sm-12 col-xs-12 pt-cv-content-item pt-cv-1-col\" ><div class='pt-cv-ifield'><a href=\"https:\/\/www.dmsjuridica.com\/buscador_20179478954\/corteconstitucionalcronologico202454587\/t-966-00\/\" class=\"_self pt-cv-href-thumbnail pt-cv-thumb-default\" target=\"_self\" ><\/a>\n<div class=\"pt-cv-taxoterm above_title\"><a href='https:\/\/www.dmsjuridica.com\/buscador_20179478954\/corteconstitucionalcronologico202454587\/category\/buscar-en-toda-la-corte\/2000\/tutelas-2000\/' title='Tutelas 2000' class='pt-cv-tax-tutelas-2000'>Tutelas 2000<\/a><\/div>\n<h4 class=\"pt-cv-title\"><a href=\"https:\/\/www.dmsjuridica.com\/buscador_20179478954\/corteconstitucionalcronologico202454587\/t-966-00\/\" class=\"_self\" target=\"_self\" >T-966-00<\/a><\/h4>\n<div class=\"pt-cv-content\">\u00a0 \u00a0 Sentencia T-966\/00 \u00a0 DERECHOS DEL INTERNO-L\u00edmites razonables proporcionales\/DISCRECIONALIDAD DE ESTABLECIMIENTO CARCELARIO-Restricci\u00f3n razonable de reclusos \u00a0 DERECHOS DEL INTERNO-Existencia digna \u00a0 DEBIDO PROCESO-Reclusi\u00f3n del procesado en la sede del proceso \u00a0 En principio, el procesado que es objeto de detenci\u00f3n preventiva, debe encontrarse recluido en la misma localidad en la cual est\u00e1 siendo juzgado. Ciertamente, la reclusi\u00f3n de una persona en la sede del proceso patrocina, decididamente, el derecho al debido proceso constitucional, pues no solo evita m\u00faltiples dilaciones, sino que permite, entre otras cosas, que la persona acusada pueda tener contacto directo y permanente con su apoderado; conocer ...<br \/><div class=\"pt-cv-rmwrap\"><a href=\"https:\/\/www.dmsjuridica.com\/buscador_20179478954\/corteconstitucionalcronologico202454587\/t-966-00\/\" class=\"_self pt-cv-readmore btn btn-success\" target=\"_self\">Ver Sentencia Completa...<\/a><\/div><\/div><\/div><\/div>\n<div class=\"col-md-12 col-sm-12 col-xs-12 pt-cv-content-item pt-cv-1-col\" ><div class='pt-cv-ifield'><a href=\"https:\/\/www.dmsjuridica.com\/buscador_20179478954\/corteconstitucionalcronologico202454587\/t-965-00\/\" class=\"_self pt-cv-href-thumbnail pt-cv-thumb-default\" target=\"_self\" ><\/a>\n<div class=\"pt-cv-taxoterm above_title\"><a href='https:\/\/www.dmsjuridica.com\/buscador_20179478954\/corteconstitucionalcronologico202454587\/category\/buscar-en-toda-la-corte\/2000\/tutelas-2000\/' title='Tutelas 2000' class='pt-cv-tax-tutelas-2000'>Tutelas 2000<\/a><\/div>\n<h4 class=\"pt-cv-title\"><a href=\"https:\/\/www.dmsjuridica.com\/buscador_20179478954\/corteconstitucionalcronologico202454587\/t-965-00\/\" class=\"_self\" target=\"_self\" >T-965-00<\/a><\/h4>\n<div class=\"pt-cv-content\">\u00a0 \u00a0 Sentencia T-965\/00 \u00a0 EMPLEADOR-Traslado por necesidades del servicio \u00a0 ACCION DE TUTELA-Procedencia excepcional para revocar orden de traslado \u00a0 MEDIO DE DEFENSA JUDICIAL EFICAZ-Verificaci\u00f3n legalidad de traslado\/JURISDICCION CONTENCIOSO ADMINISTRATIVA-Verificaci\u00f3n legalidad de traslado \u00a0 Reiteraci\u00f3n de Jurisprudencia \u00a0 Referencia: expediente T-296369 \u00a0 Actora: Yolanda Jaimes Villamizar \u00a0 Magistrado Ponente: \u00a0 Dr. EDUARDO CIFUENTES MU\u00d1OZ \u00a0 Sentencia aprobada en Santaf\u00e9 de Bogot\u00e1 D.C., julio treinta y uno (31) de dos mil (2000). \u00a0 1. La se\u00f1ora Yolanda Jaimes Villamizar, a trav\u00e9s de apoderado judicial, interpuso acci\u00f3n de tutela contra la \u00a0Fiscal\u00eda General de la Naci\u00f3n, por considerar que dicha entidad ...<br \/><div class=\"pt-cv-rmwrap\"><a href=\"https:\/\/www.dmsjuridica.com\/buscador_20179478954\/corteconstitucionalcronologico202454587\/t-965-00\/\" class=\"_self pt-cv-readmore btn btn-success\" target=\"_self\">Ver Sentencia Completa...<\/a><\/div><\/div><\/div><\/div>\n<div class=\"col-md-12 col-sm-12 col-xs-12 pt-cv-content-item pt-cv-1-col\" ><div class='pt-cv-ifield'><a href=\"https:\/\/www.dmsjuridica.com\/buscador_20179478954\/corteconstitucionalcronologico202454587\/t-964-00\/\" class=\"_self pt-cv-href-thumbnail pt-cv-thumb-default\" target=\"_self\" ><\/a>\n<div class=\"pt-cv-taxoterm above_title\"><a href='https:\/\/www.dmsjuridica.com\/buscador_20179478954\/corteconstitucionalcronologico202454587\/category\/buscar-en-toda-la-corte\/2000\/tutelas-2000\/' title='Tutelas 2000' class='pt-cv-tax-tutelas-2000'>Tutelas 2000<\/a><\/div>\n<h4 class=\"pt-cv-title\"><a href=\"https:\/\/www.dmsjuridica.com\/buscador_20179478954\/corteconstitucionalcronologico202454587\/t-964-00\/\" class=\"_self\" target=\"_self\" >T-964-00<\/a><\/h4>\n<div class=\"pt-cv-content\">ACCION DE TUTELA-Improcedencia para protecci\u00f3n de derechos colectivos \u00a0 Si bien es cierto que esta Corporaci\u00f3n ha establecido que el amparo procede excepcionalmente cuando la demanda de tutela pretende la protecci\u00f3n de los derechos de una colectividad, no lo es menos que la misma Corte ha aclarado que ello s\u00f3lo sucede en aquellos casos en los cuales se encuentre probada una conexidad entre el motivo que causa o amenaza generar un da\u00f1o colectivo y el agravio individual que respecto de sus derechos fundamentales invoca el actor de la tutela. As\u00ed las cosas, no es la acci\u00f3n de tutela el recurso ...<br \/><div class=\"pt-cv-rmwrap\"><a href=\"https:\/\/www.dmsjuridica.com\/buscador_20179478954\/corteconstitucionalcronologico202454587\/t-964-00\/\" class=\"_self pt-cv-readmore btn btn-success\" target=\"_self\">Ver Sentencia Completa...<\/a><\/div><\/div><\/div><\/div>\n<div class=\"col-md-12 col-sm-12 col-xs-12 pt-cv-content-item pt-cv-1-col\" ><div class='pt-cv-ifield'><a href=\"https:\/\/www.dmsjuridica.com\/buscador_20179478954\/corteconstitucionalcronologico202454587\/t-963-00\/\" class=\"_self pt-cv-href-thumbnail pt-cv-thumb-default\" target=\"_self\" ><\/a>\n<div class=\"pt-cv-taxoterm above_title\"><a href='https:\/\/www.dmsjuridica.com\/buscador_20179478954\/corteconstitucionalcronologico202454587\/category\/buscar-en-toda-la-corte\/2000\/tutelas-2000\/' title='Tutelas 2000' class='pt-cv-tax-tutelas-2000'>Tutelas 2000<\/a><\/div>\n<h4 class=\"pt-cv-title\"><a href=\"https:\/\/www.dmsjuridica.com\/buscador_20179478954\/corteconstitucionalcronologico202454587\/t-963-00\/\" class=\"_self\" target=\"_self\" >T-963-00<\/a><\/h4>\n<div class=\"pt-cv-content\">\u00a0 \u00a0 \u00a0\u00a0 NOTA DE RELATORIA:\u00a0Esta sentencia fue declarada NULA mediante auto 084 del 13 de septiembre de 2000, el cual se anexa en la parte final de la presente providencia. \u00a0 Sentencia T-963\/00 \u00a0 SISTEMA DE CARRERA-Provisi\u00f3n de vacantes atendiendo lista de elegibles y en estricto orden de resultados \u00a0 SISTEMA DE CARRERA-M\u00e9rito como elemento esencial \u00a0 CARRERA JUDICIAL-Inexistencia de distinciones entre lista de elegibles y lista de candidatos \u00a0 MEDIO DE DEFENSA JUDICIAL-Formas de amparo por juez de tutela ante falta de protecci\u00f3n eficaz\u00a0 \u00a0 INAPLICACION DE ACUERDO DE CARRERA JUDICIAL-Permanencia en lista de elegibles de persona designada ...<br \/><div class=\"pt-cv-rmwrap\"><a href=\"https:\/\/www.dmsjuridica.com\/buscador_20179478954\/corteconstitucionalcronologico202454587\/t-963-00\/\" class=\"_self pt-cv-readmore btn btn-success\" target=\"_self\">Ver Sentencia Completa...<\/a><\/div><\/div><\/div><\/div>\n<div class=\"col-md-12 col-sm-12 col-xs-12 pt-cv-content-item pt-cv-1-col\" ><div class='pt-cv-ifield'><a href=\"https:\/\/www.dmsjuridica.com\/buscador_20179478954\/corteconstitucionalcronologico202454587\/t-962-00\/\" class=\"_self pt-cv-href-thumbnail pt-cv-thumb-default\" target=\"_self\" ><\/a>\n<div class=\"pt-cv-taxoterm above_title\"><a href='https:\/\/www.dmsjuridica.com\/buscador_20179478954\/corteconstitucionalcronologico202454587\/category\/buscar-en-toda-la-corte\/2000\/tutelas-2000\/' title='Tutelas 2000' class='pt-cv-tax-tutelas-2000'>Tutelas 2000<\/a><\/div>\n<h4 class=\"pt-cv-title\"><a href=\"https:\/\/www.dmsjuridica.com\/buscador_20179478954\/corteconstitucionalcronologico202454587\/t-962-00\/\" class=\"_self\" target=\"_self\" >T-962-00<\/a><\/h4>\n<div class=\"pt-cv-content\">\u00a0 \u00a0 Sentencia T-962\/00 \u00a0 ESCUELA NAVAL-Naturaleza jur\u00eddica \u00a0 La Escuela Naval Almirante Padilla por la cual se organiza el servicio p\u00fablico de la educaci\u00f3n superior, es una instituci\u00f3n acad\u00e9mica, adscrita a la Armada Nacional. Es decir, que en tanto escuela de formaci\u00f3n de los oficiales de la Armada, la demandada es reconocida como instituci\u00f3n de educaci\u00f3n superior, adscrita a la Armada Nacional, cuya misi\u00f3n es surtir el proceso educativo y formativo correspondiente con los alumnos admitidos, cadetes, a los cuales una vez aquel concluya, est\u00e1 en capacidad de otorgar los respectivos t\u00edtulos. \u00a0As\u00ed las cosas, la relaci\u00f3n que exist\u00eda ...<br \/><div class=\"pt-cv-rmwrap\"><a href=\"https:\/\/www.dmsjuridica.com\/buscador_20179478954\/corteconstitucionalcronologico202454587\/t-962-00\/\" class=\"_self pt-cv-readmore btn btn-success\" target=\"_self\">Ver Sentencia Completa...<\/a><\/div><\/div><\/div><\/div>\n<div class=\"col-md-12 col-sm-12 col-xs-12 pt-cv-content-item pt-cv-1-col\" ><div class='pt-cv-ifield'><a href=\"https:\/\/www.dmsjuridica.com\/buscador_20179478954\/corteconstitucionalcronologico202454587\/t-961-00\/\" class=\"_self pt-cv-href-thumbnail pt-cv-thumb-default\" target=\"_self\" ><\/a>\n<div class=\"pt-cv-taxoterm above_title\"><a href='https:\/\/www.dmsjuridica.com\/buscador_20179478954\/corteconstitucionalcronologico202454587\/category\/buscar-en-toda-la-corte\/2000\/tutelas-2000\/' title='Tutelas 2000' class='pt-cv-tax-tutelas-2000'>Tutelas 2000<\/a><\/div>\n<h4 class=\"pt-cv-title\"><a href=\"https:\/\/www.dmsjuridica.com\/buscador_20179478954\/corteconstitucionalcronologico202454587\/t-961-00\/\" class=\"_self\" target=\"_self\" >T-961-00<\/a><\/h4>\n<div class=\"pt-cv-content\">\u00a0 \u00a0 Sentencia T-961\/00 \u00a0 PRINCIPIO DE AUTONOMIA FUNCIONAL DEL JUEZ \u00a0 VIA DE HECHO-Clases de defectos en la actuaci\u00f3n \u00a0 PRINCIPIO DE CONGRUENCIA DE LAS SENTENCIAS-Alcance \u00a0 El presupuesto esencial de las providencias judiciales, est\u00e1 en la relaci\u00f3n directa entre lo alegado, lo probado y lo decidido. En un Estado de Derecho, el principio de la congruencia en las decisiones de los jueces es esencial. El juez est\u00e1 obligado a fallar con fundamento en la realidad f\u00e1ctica demostrada, pues su decisi\u00f3n no se puede basar en lo que \u00e9l considera que pudo ser, pero que las partes ni \u00e9l ...<br \/><div class=\"pt-cv-rmwrap\"><a href=\"https:\/\/www.dmsjuridica.com\/buscador_20179478954\/corteconstitucionalcronologico202454587\/t-961-00\/\" class=\"_self pt-cv-readmore btn btn-success\" target=\"_self\">Ver Sentencia Completa...<\/a><\/div><\/div><\/div><\/div>\n<div class=\"col-md-12 col-sm-12 col-xs-12 pt-cv-content-item pt-cv-1-col\" ><div class='pt-cv-ifield'><a href=\"https:\/\/www.dmsjuridica.com\/buscador_20179478954\/corteconstitucionalcronologico202454587\/t-960-00\/\" class=\"_self pt-cv-href-thumbnail pt-cv-thumb-default\" target=\"_self\" ><\/a>\n<div class=\"pt-cv-taxoterm above_title\"><a href='https:\/\/www.dmsjuridica.com\/buscador_20179478954\/corteconstitucionalcronologico202454587\/category\/buscar-en-toda-la-corte\/2000\/tutelas-2000\/' title='Tutelas 2000' class='pt-cv-tax-tutelas-2000'>Tutelas 2000<\/a><\/div>\n<h4 class=\"pt-cv-title\"><a href=\"https:\/\/www.dmsjuridica.com\/buscador_20179478954\/corteconstitucionalcronologico202454587\/t-960-00\/\" class=\"_self\" target=\"_self\" >T-960-00<\/a><\/h4>\n<div class=\"pt-cv-content\">\u00a0 \u00a0 Sentencia T-960\/00 \u00a0 DOCTRINA CONSTITUCIONAL SOBRE VIA DE HECHO \u00a0 ACCION DE CUMPLIMIENTO-Improcedencia respecto de normas que establezcan gastos \u00a0 Referencia: expedientes T-322039 y T-327122\u00a0 \u00a0 Peticionario: Instituto Nacional de Vivienda de Inter\u00e9s Social y Reforma Urbana, INURBE. \u00a0 Magistrado Ponente:\u00a0 \u00a0 Dr. ALFREDO BELTR\u00c1N SIERRA. \u00a0 Santaf\u00e9 de Bogot\u00e1, D.C., veintisiete (27) de julio de dos mil (2000). \u00a0 La Sala Segunda de Revisi\u00f3n de la Corte Constitucional, integrada por los magistrados, Alfredo Beltr\u00e1n Sierra, Eduardo Cifuentes Mu\u00f1oz y Carlos Gaviria D\u00edaz, en ejercicio de sus competencias constitucionales y legales, ha proferido la siguiente : \u00a0 SENTENCIA ...<br \/><div class=\"pt-cv-rmwrap\"><a href=\"https:\/\/www.dmsjuridica.com\/buscador_20179478954\/corteconstitucionalcronologico202454587\/t-960-00\/\" class=\"_self pt-cv-readmore btn btn-success\" target=\"_self\">Ver Sentencia Completa...<\/a><\/div><\/div><\/div><\/div>\n<div class=\"col-md-12 col-sm-12 col-xs-12 pt-cv-content-item pt-cv-1-col\" ><div class='pt-cv-ifield'><a href=\"https:\/\/www.dmsjuridica.com\/buscador_20179478954\/corteconstitucionalcronologico202454587\/t-959-00\/\" class=\"_self pt-cv-href-thumbnail pt-cv-thumb-default\" target=\"_self\" ><\/a>\n<div class=\"pt-cv-taxoterm above_title\"><a href='https:\/\/www.dmsjuridica.com\/buscador_20179478954\/corteconstitucionalcronologico202454587\/category\/buscar-en-toda-la-corte\/2000\/tutelas-2000\/' title='Tutelas 2000' class='pt-cv-tax-tutelas-2000'>Tutelas 2000<\/a><\/div>\n<h4 class=\"pt-cv-title\"><a href=\"https:\/\/www.dmsjuridica.com\/buscador_20179478954\/corteconstitucionalcronologico202454587\/t-959-00\/\" class=\"_self\" target=\"_self\" >T-959-00<\/a><\/h4>\n<div class=\"pt-cv-content\">\u00a0 \u00a0 Sentencia T-959\/00 \u00a0 ACCION DE TUTELA-Solicitud de visa \u00a0 ACCION DE TUTELA-Carencia actual de objeto \u00a0 Referencia: expediente T-322043 \u00a0 Peticionario: Oscar Villegas Garz\u00f3n \u00a0 Dr. ALFREDO BELTR\u00c1N SIERRA. \u00a0 Santaf\u00e9 de Bogot\u00e1, D.C., veintisiete (27) de julio de dos mil (2000). \u00a0 La Sala Segunda de Revisi\u00f3n de la Corte Constitucional, integrada por los magistrados, Alfredo Beltr\u00e1n Sierra, Eduardo Cifuentes Mu\u00f1oz y Carlos Gaviria D\u00edaz, en ejercicio de sus competencias constitucionales y legales, ha proferido la siguiente : \u00a0 SENTENCIA \u00a0 El expediente lleg\u00f3 a la Corte Constitucional, por remisi\u00f3n que se hizo en virtud de lo ...<br \/><div class=\"pt-cv-rmwrap\"><a href=\"https:\/\/www.dmsjuridica.com\/buscador_20179478954\/corteconstitucionalcronologico202454587\/t-959-00\/\" class=\"_self pt-cv-readmore btn btn-success\" target=\"_self\">Ver Sentencia Completa...<\/a><\/div><\/div><\/div><\/div>\n<div class=\"col-md-12 col-sm-12 col-xs-12 pt-cv-content-item pt-cv-1-col\" ><div class='pt-cv-ifield'><a href=\"https:\/\/www.dmsjuridica.com\/buscador_20179478954\/corteconstitucionalcronologico202454587\/t-958-00\/\" class=\"_self pt-cv-href-thumbnail pt-cv-thumb-default\" target=\"_self\" ><\/a>\n<div class=\"pt-cv-taxoterm above_title\"><a href='https:\/\/www.dmsjuridica.com\/buscador_20179478954\/corteconstitucionalcronologico202454587\/category\/buscar-en-toda-la-corte\/2000\/tutelas-2000\/' title='Tutelas 2000' class='pt-cv-tax-tutelas-2000'>Tutelas 2000<\/a><\/div>\n<h4 class=\"pt-cv-title\"><a href=\"https:\/\/www.dmsjuridica.com\/buscador_20179478954\/corteconstitucionalcronologico202454587\/t-958-00\/\" class=\"_self\" target=\"_self\" >T-958-00<\/a><\/h4>\n<div class=\"pt-cv-content\">\u00a0 \u00a0 Sentencia T-958\/00 \u00a0 ORDEN DE CAPTURA VIGENTE-Alcance \u00a0 S\u00f3lo es posible que una orden de captura sea oponible para impedir el goce de alg\u00fan beneficio a favor del procesado o condenado, si ella est\u00e1 vigente. Y para lo que interesa a esta tutela, la vigencia estar\u00e1 dada en la medida en que exista f\u00edsicamente el proceso. De lo contrario, se estar\u00eda ante la violaci\u00f3n del derecho al debido proceso, de dos maneras : a) violaci\u00f3n de los t\u00e9rminos procesales, b) una orden de captura no puede quedar indeterminada en el tiempo, pues, se afecta tambi\u00e9n el art\u00edculo 28 ...<br \/><div class=\"pt-cv-rmwrap\"><a href=\"https:\/\/www.dmsjuridica.com\/buscador_20179478954\/corteconstitucionalcronologico202454587\/t-958-00\/\" class=\"_self pt-cv-readmore btn btn-success\" target=\"_self\">Ver Sentencia Completa...<\/a><\/div><\/div><\/div><\/div>\n<div class=\"col-md-12 col-sm-12 col-xs-12 pt-cv-content-item pt-cv-1-col\" ><div class='pt-cv-ifield'><a href=\"https:\/\/www.dmsjuridica.com\/buscador_20179478954\/corteconstitucionalcronologico202454587\/t-957-00\/\" class=\"_self pt-cv-href-thumbnail pt-cv-thumb-default\" target=\"_self\" ><\/a>\n<div class=\"pt-cv-taxoterm above_title\"><a href='https:\/\/www.dmsjuridica.com\/buscador_20179478954\/corteconstitucionalcronologico202454587\/category\/buscar-en-toda-la-corte\/2000\/tutelas-2000\/' title='Tutelas 2000' class='pt-cv-tax-tutelas-2000'>Tutelas 2000<\/a><\/div>\n<h4 class=\"pt-cv-title\"><a href=\"https:\/\/www.dmsjuridica.com\/buscador_20179478954\/corteconstitucionalcronologico202454587\/t-957-00\/\" class=\"_self\" target=\"_self\" >T-957-00<\/a><\/h4>\n<div class=\"pt-cv-content\">\u00a0 \u00a0 Sentencia T-957\/00 \u00a0 ACCION DE TUTELA-Sustracci\u00f3n de materia \u00a0 Referencia: expediente T-314325 \u00a0 Peticionario: \u00a0Arnoldo Lozano Bedoya \u00a0 Magistrado Ponente:\u00a0 \u00a0 Dr. ALFREDO BELTR\u00c1N SIERRA. \u00a0 Santaf\u00e9 de Bogot\u00e1, D.C., \u00a0veintisiete (27) de julio de dos mil (2000). \u00a0 La Sala Segunda de Revisi\u00f3n de la Corte Constitucional, integrada por los magistrados, Alfredo Beltr\u00e1n Sierra, Eduardo Cifuentes Mu\u00f1oz y Carlos Gaviria D\u00edaz, en ejercicio de sus competencias constitucionales y legales, ha proferido la siguiente : \u00a0 SENTENCIA \u00a0 El expediente lleg\u00f3 a la Corte Constitucional, por remisi\u00f3n que se hizo en virtud de lo ordenado por el art\u00edculo ...<br \/><div class=\"pt-cv-rmwrap\"><a href=\"https:\/\/www.dmsjuridica.com\/buscador_20179478954\/corteconstitucionalcronologico202454587\/t-957-00\/\" class=\"_self pt-cv-readmore btn btn-success\" target=\"_self\">Ver Sentencia Completa...<\/a><\/div><\/div><\/div><\/div>\n<div class=\"col-md-12 col-sm-12 col-xs-12 pt-cv-content-item pt-cv-1-col\" ><div class='pt-cv-ifield'><a href=\"https:\/\/www.dmsjuridica.com\/buscador_20179478954\/corteconstitucionalcronologico202454587\/t-956-00\/\" class=\"_self pt-cv-href-thumbnail pt-cv-thumb-default\" target=\"_self\" ><\/a>\n<div class=\"pt-cv-taxoterm above_title\"><a href='https:\/\/www.dmsjuridica.com\/buscador_20179478954\/corteconstitucionalcronologico202454587\/category\/buscar-en-toda-la-corte\/2000\/tutelas-2000\/' title='Tutelas 2000' class='pt-cv-tax-tutelas-2000'>Tutelas 2000<\/a><\/div>\n<h4 class=\"pt-cv-title\"><a href=\"https:\/\/www.dmsjuridica.com\/buscador_20179478954\/corteconstitucionalcronologico202454587\/t-956-00\/\" class=\"_self\" target=\"_self\" >T-956-00<\/a><\/h4>\n<div class=\"pt-cv-content\">\u00a0 \u00a0 Sentencia T-956\/00 \u00a0 DEBIDO PROCESO-Vulneraci\u00f3n por falta de competencia del \u00f3rgano judicial para decidir sobre una nulidad \u00a0 Referencia: expediente T-292936 \u00a0 Acci\u00f3n de tutela incoada por Juan de Dios Villamil Velandia contra la Sala Jurisdiccional Disciplinaria del Consejo Superior de la Judicatura. \u00a0 Magistrado Ponente: \u00a0 Dr. JOS\u00c9 GREGORIO HERN\u00c1NDEZ GALINDO \u00a0 Santa Fe de Bogot\u00e1, D.C., veintis\u00e9is de julio de dos mil (2000). \u00a0 La Sala Quinta de Revisi\u00f3n de la Corte Constitucional, en ejercicio de sus competencias constitucionales y legales, espec\u00edficamente las previstas en los art\u00edculos 86 y \u00a0241, numeral 9, de la Constituci\u00f3n Pol\u00edtica ...<br \/><div class=\"pt-cv-rmwrap\"><a href=\"https:\/\/www.dmsjuridica.com\/buscador_20179478954\/corteconstitucionalcronologico202454587\/t-956-00\/\" class=\"_self pt-cv-readmore btn btn-success\" target=\"_self\">Ver Sentencia Completa...<\/a><\/div><\/div><\/div><\/div>\n<div class=\"col-md-12 col-sm-12 col-xs-12 pt-cv-content-item pt-cv-1-col\" ><div class='pt-cv-ifield'><a href=\"https:\/\/www.dmsjuridica.com\/buscador_20179478954\/corteconstitucionalcronologico202454587\/t-950-00\/\" class=\"_self pt-cv-href-thumbnail pt-cv-thumb-default\" target=\"_self\" ><\/a>\n<div class=\"pt-cv-taxoterm above_title\"><a href='https:\/\/www.dmsjuridica.com\/buscador_20179478954\/corteconstitucionalcronologico202454587\/category\/buscar-en-toda-la-corte\/2000\/tutelas-2000\/' title='Tutelas 2000' class='pt-cv-tax-tutelas-2000'>Tutelas 2000<\/a><\/div>\n<h4 class=\"pt-cv-title\"><a href=\"https:\/\/www.dmsjuridica.com\/buscador_20179478954\/corteconstitucionalcronologico202454587\/t-950-00\/\" class=\"_self\" target=\"_self\" >T-950-00<\/a><\/h4>\n<div class=\"pt-cv-content\">\u00a0 \u00a0 Sentencia T-950\/00 \u00a0 LICENCIA DE MATERNIDAD-Procedencia excepcional de tutela para el pago \u00a0 PRINCIPIO DE FAVORABILIDAD NORMATIVA EN MATERIA DE LICENCIA DE MATERNIDAD-Pago \u00a0 LICENCIA DE MATERNIDAD-Pago por allanamiento a la mora por EPS \u00a0 Referencia: expedientes T-302.348, T-308.788 y T-309.002 (acumulados) \u00a0 Magistrado Ponente:\u00a0 \u00a0 Dr. ALEJANDRO MART\u00cdNEZ CABALLERO \u00a0 Santa Fe de Bogot\u00e1, treinta y uno (31) de julio de dos mil (2000) \u00a0 La Sala Sexta de Revisi\u00f3n de la Corte Constitucional, en ejercicio de sus competencias constitucionales y legales, ha proferido Sentencia en las acciones de tutela interpuestas, en forma independiente, por Ana Omaira ...<br \/><div class=\"pt-cv-rmwrap\"><a href=\"https:\/\/www.dmsjuridica.com\/buscador_20179478954\/corteconstitucionalcronologico202454587\/t-950-00\/\" class=\"_self pt-cv-readmore btn btn-success\" target=\"_self\">Ver Sentencia Completa...<\/a><\/div><\/div><\/div><\/div>\n<div class=\"col-md-12 col-sm-12 col-xs-12 pt-cv-content-item pt-cv-1-col\" ><div class='pt-cv-ifield'><a href=\"https:\/\/www.dmsjuridica.com\/buscador_20179478954\/corteconstitucionalcronologico202454587\/t-949-00\/\" class=\"_self pt-cv-href-thumbnail pt-cv-thumb-default\" target=\"_self\" ><\/a>\n<div class=\"pt-cv-taxoterm above_title\"><a href='https:\/\/www.dmsjuridica.com\/buscador_20179478954\/corteconstitucionalcronologico202454587\/category\/buscar-en-toda-la-corte\/2000\/tutelas-2000\/' title='Tutelas 2000' class='pt-cv-tax-tutelas-2000'>Tutelas 2000<\/a><\/div>\n<h4 class=\"pt-cv-title\"><a href=\"https:\/\/www.dmsjuridica.com\/buscador_20179478954\/corteconstitucionalcronologico202454587\/t-949-00\/\" class=\"_self\" target=\"_self\" >T-949-00<\/a><\/h4>\n<div class=\"pt-cv-content\">\u00a0 \u00a0 Sentencia T-949\/00 \u00a0 ACCION DE TUTELA-Procedencia excepcional pago de acreencias laborales\/DERECHO AL MINIMO VITAL DEL TRABAJADOR-Pago oportuno de salarios \u00a0 Referencia: expedientes T-305618 \u00a0 Procedencia: Juzgado Segundo Civil del Circuito de Sincelejo, Sucre.\u00a0 \u00a0 \u00a0 \u00a0 Actor: Clubin Gonz\u00e1lez Escobar \u00a0 Magistrado Ponente: \u00a0 Dr. ALEJANDRO MARTINEZ CABALLERO \u00a0 Santa Fe de Bogot\u00e1, D.C., veinticuatro (24) de julio de dos mil (2.000). \u00a0 La Sala Sexta de Revisi\u00f3n de la Corte Constitucional, integrada por los magistrados Alejandro Mart\u00ednez Caballero, Fabio Mor\u00f3n D\u00edaz y Vladimiro Naranjo Mesa, en ejercicio de sus competencias constitucionales y legales, ha proferido la siguiente\u00a0 ...<br \/><div class=\"pt-cv-rmwrap\"><a href=\"https:\/\/www.dmsjuridica.com\/buscador_20179478954\/corteconstitucionalcronologico202454587\/t-949-00\/\" class=\"_self pt-cv-readmore btn btn-success\" target=\"_self\">Ver Sentencia Completa...<\/a><\/div><\/div><\/div><\/div>\n<div class=\"col-md-12 col-sm-12 col-xs-12 pt-cv-content-item pt-cv-1-col\" ><div class='pt-cv-ifield'><a href=\"https:\/\/www.dmsjuridica.com\/buscador_20179478954\/corteconstitucionalcronologico202454587\/t-948-00\/\" class=\"_self pt-cv-href-thumbnail pt-cv-thumb-default\" target=\"_self\" ><\/a>\n<div class=\"pt-cv-taxoterm above_title\"><a href='https:\/\/www.dmsjuridica.com\/buscador_20179478954\/corteconstitucionalcronologico202454587\/category\/buscar-en-toda-la-corte\/2000\/tutelas-2000\/' title='Tutelas 2000' class='pt-cv-tax-tutelas-2000'>Tutelas 2000<\/a><\/div>\n<h4 class=\"pt-cv-title\"><a href=\"https:\/\/www.dmsjuridica.com\/buscador_20179478954\/corteconstitucionalcronologico202454587\/t-948-00\/\" class=\"_self\" target=\"_self\" >T-948-00<\/a><\/h4>\n<div class=\"pt-cv-content\">\u00a0 \u00a0 Sentencia T-948\/00 \u00a0 DERECHOS FUNDAMENTALES-Falta de evidencia de vulneraci\u00f3n \u00a0 Referencia: expediente T-304748 \u00a0 Procedencia: Juzgado Quinto Penal Municipal de Barranquilla.\u00a0 \u00a0 \u00a0 \u00a0 Actor: Alberto Le\u00f3n Conrado Contreras. \u00a0 Magistrado Ponente: \u00a0 Dr. ALEJANDRO MARTINEZ CABALLERO \u00a0 Santa Fe de Bogot\u00e1, D.C., \u00a0veinticuatro (24) de julio de dos mil (2.000). \u00a0 La Sala Sexta de Revisi\u00f3n de la Corte Constitucional, integrada por los Magistrados doctores Alejandro Mart\u00ednez Caballero, Fabio Mor\u00f3n D\u00edaz y Vladimiro Naranjo Mesa, en ejercicio de sus competencias constitucionales y legales, ha proferido la siguiente\u00a0 \u00a0 SENTENCIA \u00a0 Dentro de la acci\u00f3n de tutela N\u00ba ...<br \/><div class=\"pt-cv-rmwrap\"><a href=\"https:\/\/www.dmsjuridica.com\/buscador_20179478954\/corteconstitucionalcronologico202454587\/t-948-00\/\" class=\"_self pt-cv-readmore btn btn-success\" target=\"_self\">Ver Sentencia Completa...<\/a><\/div><\/div><\/div><\/div>\n<div class=\"col-md-12 col-sm-12 col-xs-12 pt-cv-content-item pt-cv-1-col\" ><div class='pt-cv-ifield'><a href=\"https:\/\/www.dmsjuridica.com\/buscador_20179478954\/corteconstitucionalcronologico202454587\/t-947-00\/\" class=\"_self pt-cv-href-thumbnail pt-cv-thumb-default\" target=\"_self\" ><\/a>\n<div class=\"pt-cv-taxoterm above_title\"><a href='https:\/\/www.dmsjuridica.com\/buscador_20179478954\/corteconstitucionalcronologico202454587\/category\/buscar-en-toda-la-corte\/2000\/tutelas-2000\/' title='Tutelas 2000' class='pt-cv-tax-tutelas-2000'>Tutelas 2000<\/a><\/div>\n<h4 class=\"pt-cv-title\"><a href=\"https:\/\/www.dmsjuridica.com\/buscador_20179478954\/corteconstitucionalcronologico202454587\/t-947-00\/\" class=\"_self\" target=\"_self\" >T-947-00<\/a><\/h4>\n<div class=\"pt-cv-content\">\u00a0 \u00a0 Sentencia T-947\/00 \u00a0 DERECHO DE PETICION-Pronta resoluci\u00f3n\/DERECHO DE PETICION-Contestaci\u00f3n de fondo, clara y precisa \u00a0 ACTO PROPIO-Respeto \u00a0 ACTO PROPIO-Condiciones para su aplicaci\u00f3n \u00a0 REVOCATORIA DIRECTA-Naturaleza \u00a0 INDEMNIZACION POR DISMINUCION PERDIDA DE LA CAPACIDAD \u00a0LABORAL-Revocaci\u00f3n sin consentimiento expreso y escrito del titular \u00a0 \u00a0 \u00a0 Acci\u00f3n de tutela instaurada por Jos\u00e9 Evelio Rinc\u00f3n Castro contra el Ej\u00e9rcito Nacional de Colombia. \u00a0 Procedencia: \u00a0Tribunal Superior del Distrito Judicial de Santaf\u00e9 de Bogot\u00e1, Sala de Decisi\u00f3n Civil. \u00a0 Magistrado Ponente: \u00a0 Dr. ALEJANDRO MARTINEZ CABALLERO \u00a0 Bogot\u00e1, D.C., veinticuatro (24) de julio de 2000. \u00a0 La Sala Sexta de Revisi\u00f3n ...<br \/><div class=\"pt-cv-rmwrap\"><a href=\"https:\/\/www.dmsjuridica.com\/buscador_20179478954\/corteconstitucionalcronologico202454587\/t-947-00\/\" class=\"_self pt-cv-readmore btn btn-success\" target=\"_self\">Ver Sentencia Completa...<\/a><\/div><\/div><\/div><\/div>\n<div class=\"col-md-12 col-sm-12 col-xs-12 pt-cv-content-item pt-cv-1-col\" ><div class='pt-cv-ifield'><a href=\"https:\/\/www.dmsjuridica.com\/buscador_20179478954\/corteconstitucionalcronologico202454587\/t-946-00\/\" class=\"_self pt-cv-href-thumbnail pt-cv-thumb-default\" target=\"_self\" ><\/a>\n<div class=\"pt-cv-taxoterm above_title\"><a href='https:\/\/www.dmsjuridica.com\/buscador_20179478954\/corteconstitucionalcronologico202454587\/category\/buscar-en-toda-la-corte\/2000\/tutelas-2000\/' title='Tutelas 2000' class='pt-cv-tax-tutelas-2000'>Tutelas 2000<\/a><\/div>\n<h4 class=\"pt-cv-title\"><a href=\"https:\/\/www.dmsjuridica.com\/buscador_20179478954\/corteconstitucionalcronologico202454587\/t-946-00\/\" class=\"_self\" target=\"_self\" >T-946-00<\/a><\/h4>\n<div class=\"pt-cv-content\">\u00a0 \u00a0 Sentencia T-946\/00 \u00a0 DERECHO AL PAGO OPORTUNO DEL SALARIO-Fundamental \u00a0 REMUNERACION MINIMA VITAL Y MOVIL-Medici\u00f3n que no agota el concepto\/DERECHO A LA SUBSISTENCIA-Retribuci\u00f3n salarial \u00a0 ORGANOS DE CONTROL-Autonom\u00eda\/ORGANOS DE CONTROL-Gesti\u00f3n presupuestal y distribuci\u00f3n de partidas para pago oportuno de salarios \u00a0 Referencia: expediente T-305.365 \u00a0 Magistrado Ponente:\u00a0 \u00a0 Dr. ALEJANDRO MART\u00cdNEZ CABALLERO \u00a0 Santa Fe de Bogot\u00e1, veinticuatro (24) de julio de dos mil (2000) \u00a0 La Sala Sexta de Revisi\u00f3n de la Corte Constitucional, en ejercicio de sus competencias constitucionales y legales, ha proferido Sentencia en la acci\u00f3n de tutela interpuesta por Juan Carlos Pinz\u00f3n Ram\u00edrez contra ...<br \/><div class=\"pt-cv-rmwrap\"><a href=\"https:\/\/www.dmsjuridica.com\/buscador_20179478954\/corteconstitucionalcronologico202454587\/t-946-00\/\" class=\"_self pt-cv-readmore btn btn-success\" target=\"_self\">Ver Sentencia Completa...<\/a><\/div><\/div><\/div><\/div>\n<div class=\"col-md-12 col-sm-12 col-xs-12 pt-cv-content-item pt-cv-1-col\" ><div class='pt-cv-ifield'><a href=\"https:\/\/www.dmsjuridica.com\/buscador_20179478954\/corteconstitucionalcronologico202454587\/t-945-00\/\" class=\"_self pt-cv-href-thumbnail pt-cv-thumb-default\" target=\"_self\" ><\/a>\n<div class=\"pt-cv-taxoterm above_title\"><a href='https:\/\/www.dmsjuridica.com\/buscador_20179478954\/corteconstitucionalcronologico202454587\/category\/buscar-en-toda-la-corte\/2000\/tutelas-2000\/' title='Tutelas 2000' class='pt-cv-tax-tutelas-2000'>Tutelas 2000<\/a><\/div>\n<h4 class=\"pt-cv-title\"><a href=\"https:\/\/www.dmsjuridica.com\/buscador_20179478954\/corteconstitucionalcronologico202454587\/t-945-00\/\" class=\"_self\" target=\"_self\" >T-945-00<\/a><\/h4>\n<div class=\"pt-cv-content\">\u00a0 \u00a0 Sentencia T-945\/00 \u00a0 DERECHO A LA SALUD-Fundamental por conexidad con la vida \u00a0 DERECHO A LA VIDA DIGNA-Condiciones de gravedad \u00a0 PLAN OBLIGATORIO DE SALUD-Periodo m\u00ednimo de cotizaci\u00f3n \u00a0 PLAN OBLIGATORIO DE SALUD-Periodo de carencia \u00a0 DERECHO A LA SEGURIDAD SOCIAL-Fundamental por conexidad\/DERECHO A LA SALUD DEL NI\u00d1O-Fundamental prevalente \u00a0 Referencia: expediente T-306.534 \u00a0 Acci\u00f3n de tutela instaurada por \u00a0Jaime P\u00edo Angel Gonz\u00e1lez contra el Instituto de Seguro Social Seccional Antioquia. \u00a0 Magistrado Ponente:\u00a0 \u00a0 Dr. ALEJANDRO MART\u00cdNEZ CABALLERO \u00a0 Santa Fe de Bogot\u00e1 D.C., veinticuatro (24) de julio de dos mil (2000) \u00a0 La Sala Sexta de ...<br \/><div class=\"pt-cv-rmwrap\"><a href=\"https:\/\/www.dmsjuridica.com\/buscador_20179478954\/corteconstitucionalcronologico202454587\/t-945-00\/\" class=\"_self pt-cv-readmore btn btn-success\" target=\"_self\">Ver Sentencia Completa...<\/a><\/div><\/div><\/div><\/div>\n<div class=\"col-md-12 col-sm-12 col-xs-12 pt-cv-content-item pt-cv-1-col\" ><div class='pt-cv-ifield'><a href=\"https:\/\/www.dmsjuridica.com\/buscador_20179478954\/corteconstitucionalcronologico202454587\/t-944-00\/\" class=\"_self pt-cv-href-thumbnail pt-cv-thumb-default\" target=\"_self\" ><\/a>\n<div class=\"pt-cv-taxoterm above_title\"><a href='https:\/\/www.dmsjuridica.com\/buscador_20179478954\/corteconstitucionalcronologico202454587\/category\/buscar-en-toda-la-corte\/2000\/tutelas-2000\/' title='Tutelas 2000' class='pt-cv-tax-tutelas-2000'>Tutelas 2000<\/a><\/div>\n<h4 class=\"pt-cv-title\"><a href=\"https:\/\/www.dmsjuridica.com\/buscador_20179478954\/corteconstitucionalcronologico202454587\/t-944-00\/\" class=\"_self\" target=\"_self\" >T-944-00<\/a><\/h4>\n<div class=\"pt-cv-content\">\u00a0 \u00a0 Sentencia T-944\/00 \u00a0 LIBERTAD DE ENSE\u00d1ANZA-Alcance \u00a0 EDUCACION EN EL ESTADO SOCIAL DE DERECHO \u00a0 EDUCACION-Obligaci\u00f3n de la sociedad \u00a0 ESTABLECIMIENTO EDUCATIVO-Cumplimiento de reglamento\/MANUAL DE CONVIVENCIA-L\u00edmites \u00a0 DEBIDO PROCESO EN ACTUACIONES PARTICULARES-Procedencia de tutela\/DEBIDO PROCESO-Imposici\u00f3n de sanciones \u00a0 DEBIDO PROCESO EN SANCION DISCIPLINARIA-Vulneraci\u00f3n \u00a0 La imposici\u00f3n de la grave sanci\u00f3n disciplinaria mencionada sin el cumplimiento de las garant\u00edas procesales m\u00ednimas, esto es, de manera irregular, obedeci\u00f3, en verdad, a que el colegio acumul\u00f3, si todas ellas se cometieron, una serie de faltas, y procedi\u00f3 a decidir unilateralmente. En s\u00edntesis, no se sigui\u00f3 un procedimiento en el que se ...<br \/><div class=\"pt-cv-rmwrap\"><a href=\"https:\/\/www.dmsjuridica.com\/buscador_20179478954\/corteconstitucionalcronologico202454587\/t-944-00\/\" class=\"_self pt-cv-readmore btn btn-success\" target=\"_self\">Ver Sentencia Completa...<\/a><\/div><\/div><\/div><\/div>\n<div class=\"col-md-12 col-sm-12 col-xs-12 pt-cv-content-item pt-cv-1-col\" ><div class='pt-cv-ifield'><a href=\"https:\/\/www.dmsjuridica.com\/buscador_20179478954\/corteconstitucionalcronologico202454587\/t-943-00\/\" class=\"_self pt-cv-href-thumbnail pt-cv-thumb-default\" target=\"_self\" ><\/a>\n<div class=\"pt-cv-taxoterm above_title\"><a href='https:\/\/www.dmsjuridica.com\/buscador_20179478954\/corteconstitucionalcronologico202454587\/category\/buscar-en-toda-la-corte\/2000\/tutelas-2000\/' title='Tutelas 2000' class='pt-cv-tax-tutelas-2000'>Tutelas 2000<\/a><\/div>\n<h4 class=\"pt-cv-title\"><a href=\"https:\/\/www.dmsjuridica.com\/buscador_20179478954\/corteconstitucionalcronologico202454587\/t-943-00\/\" class=\"_self\" target=\"_self\" >T-943-00<\/a><\/h4>\n<div class=\"pt-cv-content\">\u00a0 \u00a0 Sentencia T-943\/00 \u00a0 ACCION DE TUTELA-Procedencia excepcional pago de salarios \u00a0 DERECHO AL PAGO OPORTUNO DEL SALARIO-Fundamental \u00a0 Referencia: expedientes T-301801, T-304899 y 304896 \u00a0 Procedencia: Corte Suprema de Justicia Sala Laboral y Juzgado Primero Penal Municipal de Barranquilla.\u00a0 \u00a0 \u00a0 \u00a0 Actores: Rafael Higgins Reyes, Ramona Isabel Alv\u00e1rez Tamara y Elsie Torres Barros y otros. \u00a0 Magistrado Ponente: \u00a0 Dr. ALEJANDRO MARTINEZ CABALLERO \u00a0 Santa Fe de Bogot\u00e1, D.C., veinticuatro (24) de julio de dos mil (2.000). \u00a0 La Sala Sexta de Revisi\u00f3n de la Corte Constitucional, integrada por los Magistrados doctores Alejandro Mart\u00ednez Caballero, Fabio Mor\u00f3n ...<br \/><div class=\"pt-cv-rmwrap\"><a href=\"https:\/\/www.dmsjuridica.com\/buscador_20179478954\/corteconstitucionalcronologico202454587\/t-943-00\/\" class=\"_self pt-cv-readmore btn btn-success\" target=\"_self\">Ver Sentencia Completa...<\/a><\/div><\/div><\/div><\/div>\n<div class=\"col-md-12 col-sm-12 col-xs-12 pt-cv-content-item pt-cv-1-col\" ><div class='pt-cv-ifield'><a href=\"https:\/\/www.dmsjuridica.com\/buscador_20179478954\/corteconstitucionalcronologico202454587\/t-942-00\/\" class=\"_self pt-cv-href-thumbnail pt-cv-thumb-default\" target=\"_self\" ><\/a>\n<div class=\"pt-cv-taxoterm above_title\"><a href='https:\/\/www.dmsjuridica.com\/buscador_20179478954\/corteconstitucionalcronologico202454587\/category\/buscar-en-toda-la-corte\/2000\/tutelas-2000\/' title='Tutelas 2000' class='pt-cv-tax-tutelas-2000'>Tutelas 2000<\/a><\/div>\n<h4 class=\"pt-cv-title\"><a href=\"https:\/\/www.dmsjuridica.com\/buscador_20179478954\/corteconstitucionalcronologico202454587\/t-942-00\/\" class=\"_self\" target=\"_self\" >T-942-00<\/a><\/h4>\n<div class=\"pt-cv-content\">\u00a0 \u00a0 Sentencia T-942\/00 \u00a0 DERECHO AL MINIMO VITAL DEL PENSIONADO-Pago oportuno de mesadas \u00a0 ACCION DE TUTELA-Procedencia excepcional pago de mesadas pensionales \u00a0 MINIMO VITAL-Alcance \u00a0 DERECHO AL MINIMO VITAL-Prueba de la amenaza \u00a0 JUEZ DE PRIMERA INSTANCIA-Competencia para hacer cumplir la orden de tutela \u00a0 PROCURADOR GENERAL DE LA NACION-Funci\u00f3n en cuanto al cumplimiento de la sentencia de tutela \u00a0 Si esa autoridad superior, o sea el Procurador General de la Naci\u00f3n, no proceso a cumplir lo que el juez de tutela indica, (investigar y sancionar hasta con la destituci\u00f3n al funcionario que no cumple con una orden ...<br \/><div class=\"pt-cv-rmwrap\"><a href=\"https:\/\/www.dmsjuridica.com\/buscador_20179478954\/corteconstitucionalcronologico202454587\/t-942-00\/\" class=\"_self pt-cv-readmore btn btn-success\" target=\"_self\">Ver Sentencia Completa...<\/a><\/div><\/div><\/div><\/div>\n<div class=\"col-md-12 col-sm-12 col-xs-12 pt-cv-content-item pt-cv-1-col\" ><div class='pt-cv-ifield'><a href=\"https:\/\/www.dmsjuridica.com\/buscador_20179478954\/corteconstitucionalcronologico202454587\/t-941-00\/\" class=\"_self pt-cv-href-thumbnail pt-cv-thumb-default\" target=\"_self\" ><\/a>\n<div class=\"pt-cv-taxoterm above_title\"><a href='https:\/\/www.dmsjuridica.com\/buscador_20179478954\/corteconstitucionalcronologico202454587\/category\/buscar-en-toda-la-corte\/2000\/tutelas-2000\/' title='Tutelas 2000' class='pt-cv-tax-tutelas-2000'>Tutelas 2000<\/a><\/div>\n<h4 class=\"pt-cv-title\"><a href=\"https:\/\/www.dmsjuridica.com\/buscador_20179478954\/corteconstitucionalcronologico202454587\/t-941-00\/\" class=\"_self\" target=\"_self\" >T-941-00<\/a><\/h4>\n<div class=\"pt-cv-content\">\u00a0 \u00a0 Sentencia T-941\/00 \u00a0 DERECHO A LA SALUD-Conexidad con la vida \u00a0 ACCION DE TUTELA-Protecci\u00f3n preventiva y no solo en casos de gravedad \u00a0 DISCAPACITADO-Trato especial\/DISCAPACITADO-Diferenciaci\u00f3n positiva \u00a0 DERECHO A LA VIDA DIGNA-Entrega de pr\u00f3tesis de extremidades inferiores \u00a0 En el caso en que nos encontramos, si bien la entrega de las pr\u00f3tesis de extremidades no re\u00fane las caracter\u00edsticas de una urgencia vital \u00a0para el demandante, s\u00ed resultan \u00a0ser art\u00edculos que \u00a0se \u00a0requieren de manera inmediata a fin de lograr para el actor \u00a0un adecuado desenvolvimiento personal, la integraci\u00f3n social que pretende la Carta, y el mecanismo necesario para ...<br \/><div class=\"pt-cv-rmwrap\"><a href=\"https:\/\/www.dmsjuridica.com\/buscador_20179478954\/corteconstitucionalcronologico202454587\/t-941-00\/\" class=\"_self pt-cv-readmore btn btn-success\" target=\"_self\">Ver Sentencia Completa...<\/a><\/div><\/div><\/div><\/div>\n<div class=\"col-md-12 col-sm-12 col-xs-12 pt-cv-content-item pt-cv-1-col\" ><div class='pt-cv-ifield'><a href=\"https:\/\/www.dmsjuridica.com\/buscador_20179478954\/corteconstitucionalcronologico202454587\/t-940-00\/\" class=\"_self pt-cv-href-thumbnail pt-cv-thumb-default\" target=\"_self\" ><\/a>\n<div class=\"pt-cv-taxoterm above_title\"><a href='https:\/\/www.dmsjuridica.com\/buscador_20179478954\/corteconstitucionalcronologico202454587\/category\/buscar-en-toda-la-corte\/2000\/tutelas-2000\/' title='Tutelas 2000' class='pt-cv-tax-tutelas-2000'>Tutelas 2000<\/a><\/div>\n<h4 class=\"pt-cv-title\"><a href=\"https:\/\/www.dmsjuridica.com\/buscador_20179478954\/corteconstitucionalcronologico202454587\/t-940-00\/\" class=\"_self\" target=\"_self\" >T-940-00<\/a><\/h4>\n<div class=\"pt-cv-content\">\u00a0 \u00a0 Sentencia T-940\/00 \u00a0 DERECHO DE PETICION-N\u00facleo esencial \u00a0 DERECHO DE PETICION-Pronta resoluci\u00f3n y decisi\u00f3n de fondo \u00a0 PERSONERO MUNICIPAL-Interposici\u00f3n acci\u00f3n de cumplimiento \u00a0 Referencia: expediente T-289.815 \u00a0 Magistrado Ponente:\u00a0 \u00a0 Santa Fe de Bogot\u00e1, veinticuatro (24) de julio de dos mil (2000) \u00a0 La Sala Sexta de Revisi\u00f3n de la Corte Constitucional, en ejercicio de sus competencias constitucionales y legales, ha proferido Sentencia en la acci\u00f3n de tutela interpuesta por el Personero de Monter\u00eda contra la Electrificadora de C\u00f3rdoba S.A. E.S.P. \u00a0 I. ANTECEDENTES \u00a0 1. Hechos\u00a0 \u00a0 - El 24 de agosto de 1999, el Personero de ...<br \/><div class=\"pt-cv-rmwrap\"><a href=\"https:\/\/www.dmsjuridica.com\/buscador_20179478954\/corteconstitucionalcronologico202454587\/t-940-00\/\" class=\"_self pt-cv-readmore btn btn-success\" target=\"_self\">Ver Sentencia Completa...<\/a><\/div><\/div><\/div><\/div>\n<div class=\"col-md-12 col-sm-12 col-xs-12 pt-cv-content-item pt-cv-1-col\" ><div class='pt-cv-ifield'><a href=\"https:\/\/www.dmsjuridica.com\/buscador_20179478954\/corteconstitucionalcronologico202454587\/t-939-00\/\" class=\"_self pt-cv-href-thumbnail pt-cv-thumb-default\" target=\"_self\" ><\/a>\n<div class=\"pt-cv-taxoterm above_title\"><a href='https:\/\/www.dmsjuridica.com\/buscador_20179478954\/corteconstitucionalcronologico202454587\/category\/buscar-en-toda-la-corte\/2000\/tutelas-2000\/' title='Tutelas 2000' class='pt-cv-tax-tutelas-2000'>Tutelas 2000<\/a><\/div>\n<h4 class=\"pt-cv-title\"><a href=\"https:\/\/www.dmsjuridica.com\/buscador_20179478954\/corteconstitucionalcronologico202454587\/t-939-00\/\" class=\"_self\" target=\"_self\" >T-939-00<\/a><\/h4>\n<div class=\"pt-cv-content\">\u00a0 \u00a0 Sentencia T-939\/00 \u00a0 ACCION DE TUTELA-Procedencia excepcional pago de mesadas pensionales \u00a0 ACCION DE TUTELA TRANSITORIA PARA RECLAMO DE SALARIOS-Prueba requerida de que existe perjuicio irremediable \u00a0 DERECHO AL MINIMO VITAL DEL PENSIONADO-Pago oportuno de mesadas \u00a0 Referencia: expediente T- 308194 \u00a0 Acci\u00f3n de tutela instaurada por Targelia Castillo de Mart\u00ednez y otros contra la Alcald\u00eda Municipal de Buenaventura \u00a0 Procedencia: Juzgado Primero Penal del Circuito de Buenaventura \u00a0 Magistrado Ponente:\u00a0 \u00a0 Dr. ALEJANDRO MART\u00cdNEZ CABALLERO \u00a0 Santa Fe de Bogot\u00e1 D.C., veinticuatro (24) de julio del dos mil (2000). \u00a0 La Sala Sexta de Revisi\u00f3n de la ...<br \/><div class=\"pt-cv-rmwrap\"><a href=\"https:\/\/www.dmsjuridica.com\/buscador_20179478954\/corteconstitucionalcronologico202454587\/t-939-00\/\" class=\"_self pt-cv-readmore btn btn-success\" target=\"_self\">Ver Sentencia Completa...<\/a><\/div><\/div><\/div><\/div>\n<div class=\"col-md-12 col-sm-12 col-xs-12 pt-cv-content-item pt-cv-1-col\" ><div class='pt-cv-ifield'><a href=\"https:\/\/www.dmsjuridica.com\/buscador_20179478954\/corteconstitucionalcronologico202454587\/t-938-00\/\" class=\"_self pt-cv-href-thumbnail pt-cv-thumb-default\" target=\"_self\" ><\/a>\n<div class=\"pt-cv-taxoterm above_title\"><a href='https:\/\/www.dmsjuridica.com\/buscador_20179478954\/corteconstitucionalcronologico202454587\/category\/buscar-en-toda-la-corte\/2000\/tutelas-2000\/' title='Tutelas 2000' class='pt-cv-tax-tutelas-2000'>Tutelas 2000<\/a><\/div>\n<h4 class=\"pt-cv-title\"><a href=\"https:\/\/www.dmsjuridica.com\/buscador_20179478954\/corteconstitucionalcronologico202454587\/t-938-00\/\" class=\"_self\" target=\"_self\" >T-938-00<\/a><\/h4>\n<div class=\"pt-cv-content\">\u00a0 \u00a0 Sentencia T-938\/00 \u00a0 ACCION DE TUTELA CONTRA PROVIDENCIAS JUDICIALES-Procedencia excepcional por v\u00eda de hecho judicial \u00a0 ACCION DE TUTELA CONTRA PROVIDENCIAS JUDICIALES-Improcedencia \u00a0 Referencia: expediente T-296296 \u00a0 Acci\u00f3n de tutela instaurada por Hernando Enrique Quevedo Mart\u00ednez contra la Sala de Familia del Tribunal Superior de Bogot\u00e1. \u00a0 Magistrado Ponente: \u00a0 Dr. ANTONIO BARRERA CARBONELL \u00a0 Santaf\u00e9 de Bogot\u00e1, D.C. julio veinticuatro (24) de dos mil (2000). \u00a0 La Sala Primera de Revisi\u00f3n de la Corte Constitucional, integrada por los Magistrados Antonio Barrera Carbonell, Alfredo Beltr\u00e1n Sierra y Eduardo Cifuentes Mu\u00f1oz, en ejercicio de sus competencias constitucionales y legales ...<br \/><div class=\"pt-cv-rmwrap\"><a href=\"https:\/\/www.dmsjuridica.com\/buscador_20179478954\/corteconstitucionalcronologico202454587\/t-938-00\/\" class=\"_self pt-cv-readmore btn btn-success\" target=\"_self\">Ver Sentencia Completa...<\/a><\/div><\/div><\/div><\/div>\n<div class=\"col-md-12 col-sm-12 col-xs-12 pt-cv-content-item pt-cv-1-col\" ><div class='pt-cv-ifield'><a href=\"https:\/\/www.dmsjuridica.com\/buscador_20179478954\/corteconstitucionalcronologico202454587\/t-937-00\/\" class=\"_self pt-cv-href-thumbnail pt-cv-thumb-default\" target=\"_self\" ><\/a>\n<div class=\"pt-cv-taxoterm above_title\"><a href='https:\/\/www.dmsjuridica.com\/buscador_20179478954\/corteconstitucionalcronologico202454587\/category\/buscar-en-toda-la-corte\/2000\/tutelas-2000\/' title='Tutelas 2000' class='pt-cv-tax-tutelas-2000'>Tutelas 2000<\/a><\/div>\n<h4 class=\"pt-cv-title\"><a href=\"https:\/\/www.dmsjuridica.com\/buscador_20179478954\/corteconstitucionalcronologico202454587\/t-937-00\/\" class=\"_self\" target=\"_self\" >T-937-00<\/a><\/h4>\n<div class=\"pt-cv-content\">\u00a0 \u00a0 Sentencia T-937\/00 \u00a0 ACCION DE TUTELA-Procedencia excepcional pago de acreencias laborales \u00a0 DERECHO AL MINIMO VITAL DEL PENSIONADO-Pago oportuno de mesadas \u00a0 Reiteraci\u00f3n de Jurisprudencia \u00a0 Referencia: expediente T-307626 \u00a0 Acci\u00f3n de tutela instaurada por H\u00e9ctor Aparicio contra Acer\u00edas Paz del R\u00edo S.A. \u00a0 Magistrado ponente: \u00a0 Dr. ALEJANDRO MART\u00cdNEZ CABALLERO \u00a0 La Sala Sexta de Revisi\u00f3n de la Corte Constitucional, integrada por los Magistrados doctores Alejandro Mart\u00ednez Caballero, Fabio Mor\u00f3n D\u00edaz y Vladimiro Naranjo Mesa, en ejercicio de sus competencias constitucionales y legales, ha proferido la siguiente, \u00a0 SENTENCIA \u00a0 que pone fin al proceso de revisi\u00f3n ...<br \/><div class=\"pt-cv-rmwrap\"><a href=\"https:\/\/www.dmsjuridica.com\/buscador_20179478954\/corteconstitucionalcronologico202454587\/t-937-00\/\" class=\"_self pt-cv-readmore btn btn-success\" target=\"_self\">Ver Sentencia Completa...<\/a><\/div><\/div><\/div><\/div>\n<div class=\"col-md-12 col-sm-12 col-xs-12 pt-cv-content-item pt-cv-1-col\" ><div class='pt-cv-ifield'><a href=\"https:\/\/www.dmsjuridica.com\/buscador_20179478954\/corteconstitucionalcronologico202454587\/t-936-00\/\" class=\"_self pt-cv-href-thumbnail pt-cv-thumb-default\" target=\"_self\" ><\/a>\n<div class=\"pt-cv-taxoterm above_title\"><a href='https:\/\/www.dmsjuridica.com\/buscador_20179478954\/corteconstitucionalcronologico202454587\/category\/buscar-en-toda-la-corte\/2000\/tutelas-2000\/' title='Tutelas 2000' class='pt-cv-tax-tutelas-2000'>Tutelas 2000<\/a><\/div>\n<h4 class=\"pt-cv-title\"><a href=\"https:\/\/www.dmsjuridica.com\/buscador_20179478954\/corteconstitucionalcronologico202454587\/t-936-00\/\" class=\"_self\" target=\"_self\" >T-936-00<\/a><\/h4>\n<div class=\"pt-cv-content\">\u00a0 \u00a0 Sentencia T-936\/00 \u00a0 ACCION DE TUTELA-Procedencia excepcional pago de acreencias laborales\/DERECHO AL MINIMO VITAL DEL TRABAJADOR-Pago oportuno de salarios \u00a0 DERECHO AL PAGO OPORTUNO DEL SALARIO-Fundamental \u00a0 EMPLEADOR-Falta de presupuesto o insolvencia para pago oportuno de salarios no es raz\u00f3n suficiente \u00a0 Reiteraci\u00f3n de Jurisprudencia \u00a0 Referencia: expedientes T-305836 y T-305837 \u00a0 Acciones de tutela instauradas por Olga Sierra Pineda y Rosalba Angulo Pe\u00f1a contra la E.S.E. Hospital \u201cJulio M\u00e9ndez Barreneche\u201d.. \u00a0 Magistrado Ponente: \u00a0 Dr. ALEJANDRO MART\u00cdNEZ CABALLERO \u00a0 Santa Fe de Bogot\u00e1 D.C., a los veinticuatro \u00a0 \u00a0 \u00a0 \u00a0(24) d\u00edas del mes de julio de ...<br \/><div class=\"pt-cv-rmwrap\"><a href=\"https:\/\/www.dmsjuridica.com\/buscador_20179478954\/corteconstitucionalcronologico202454587\/t-936-00\/\" class=\"_self pt-cv-readmore btn btn-success\" target=\"_self\">Ver Sentencia Completa...<\/a><\/div><\/div><\/div><\/div>\n<div class=\"col-md-12 col-sm-12 col-xs-12 pt-cv-content-item pt-cv-1-col\" ><div class='pt-cv-ifield'><a href=\"https:\/\/www.dmsjuridica.com\/buscador_20179478954\/corteconstitucionalcronologico202454587\/t-935-00\/\" class=\"_self pt-cv-href-thumbnail pt-cv-thumb-default\" target=\"_self\" ><\/a>\n<div class=\"pt-cv-taxoterm above_title\"><a href='https:\/\/www.dmsjuridica.com\/buscador_20179478954\/corteconstitucionalcronologico202454587\/category\/buscar-en-toda-la-corte\/2000\/tutelas-2000\/' title='Tutelas 2000' class='pt-cv-tax-tutelas-2000'>Tutelas 2000<\/a><\/div>\n<h4 class=\"pt-cv-title\"><a href=\"https:\/\/www.dmsjuridica.com\/buscador_20179478954\/corteconstitucionalcronologico202454587\/t-935-00\/\" class=\"_self\" target=\"_self\" >T-935-00<\/a><\/h4>\n<div class=\"pt-cv-content\">\u00a0 \u00a0 Sentencia T-935\/00 \u00a0 ACCION DE TUTELA-Procedencia excepcional pago de acreencias laborales\/DERECHO AL MINIMO VITAL DEL PENSIONADO-Pago oportuno de mesadas \u00a0 TERCERA EDAD-Pago oportuno de mesadas pensionales \u00a0 Reiteraci\u00f3n de jurisprudencia \u00a0 Referencia: expediente T-305206 \u00a0 Acci\u00f3n de tutela instaurada por Candelaria Fonseca Guti\u00e9rrez contra la E.S.E Hospital San Rafael de Barrancabermeja. \u00a0 Magistrado Ponente: \u00a0 Dr. ALEJANDRO MART\u00cdNEZ CABALLERO \u00a0 Santa Fe de Bogot\u00e1 D.C., a los veintisiete (27) d\u00eda del mes de julio de dos mil (2000). \u00a0 La Sala Sexta de Revisi\u00f3n de la Corte Constitucional, en ejercicio de sus competencias constitucionales y legales, espec\u00edficamente las ...<br \/><div class=\"pt-cv-rmwrap\"><a href=\"https:\/\/www.dmsjuridica.com\/buscador_20179478954\/corteconstitucionalcronologico202454587\/t-935-00\/\" class=\"_self pt-cv-readmore btn btn-success\" target=\"_self\">Ver Sentencia Completa...<\/a><\/div><\/div><\/div><\/div>\n<div class=\"col-md-12 col-sm-12 col-xs-12 pt-cv-content-item pt-cv-1-col\" ><div class='pt-cv-ifield'><a href=\"https:\/\/www.dmsjuridica.com\/buscador_20179478954\/corteconstitucionalcronologico202454587\/t-934-00\/\" class=\"_self pt-cv-href-thumbnail pt-cv-thumb-default\" target=\"_self\" ><\/a>\n<div class=\"pt-cv-taxoterm above_title\"><a href='https:\/\/www.dmsjuridica.com\/buscador_20179478954\/corteconstitucionalcronologico202454587\/category\/buscar-en-toda-la-corte\/2000\/tutelas-2000\/' title='Tutelas 2000' class='pt-cv-tax-tutelas-2000'>Tutelas 2000<\/a><\/div>\n<h4 class=\"pt-cv-title\"><a href=\"https:\/\/www.dmsjuridica.com\/buscador_20179478954\/corteconstitucionalcronologico202454587\/t-934-00\/\" class=\"_self\" target=\"_self\" >T-934-00<\/a><\/h4>\n<div class=\"pt-cv-content\">\u00a0 \u00a0 Sentencia T-934\/00 \u00a0 MUJER TRABAJADORA EMBARAZADA-Protecci\u00f3n constitucional especial \u00a0 DERECHO A LA ESTABILIDAD LABORAL REFORZADA DE MUJER EMBARAZADA-Elementos f\u00e1cticos que deben demostrarse \u00a0 DERECHO A LA ESTABILIDAD LABORAL REFORZADA DE MUJER EMBARAZADA-Reintegro al cargo \u00a0 Reiteraci\u00f3n de Jurisprudencia \u00a0 Referencia: expediente T-306673 \u00a0 Acci\u00f3n de tutela instaurada por Francened Delgado Franco contra Inversiones Quipla &amp; Cia Ltda. \u00a0 Magistrado Ponente: \u00a0 Dr. ALEJANDRO MARTINEZ CABALLERO \u00a0 Santa Fe de Bogot\u00e1, D.C. a los \u00a0veinticuatro (24) d\u00edas del mes de julio de dos mil (2000). \u00a0 La Sala Sexta de Revisi\u00f3n de la Corte Constitucional, en ejercicio de sus ...<br \/><div class=\"pt-cv-rmwrap\"><a href=\"https:\/\/www.dmsjuridica.com\/buscador_20179478954\/corteconstitucionalcronologico202454587\/t-934-00\/\" class=\"_self pt-cv-readmore btn btn-success\" target=\"_self\">Ver Sentencia Completa...<\/a><\/div><\/div><\/div><\/div>\n<div class=\"col-md-12 col-sm-12 col-xs-12 pt-cv-content-item pt-cv-1-col\" ><div class='pt-cv-ifield'><a href=\"https:\/\/www.dmsjuridica.com\/buscador_20179478954\/corteconstitucionalcronologico202454587\/t-933-00\/\" class=\"_self pt-cv-href-thumbnail pt-cv-thumb-default\" target=\"_self\" ><\/a>\n<div class=\"pt-cv-taxoterm above_title\"><a href='https:\/\/www.dmsjuridica.com\/buscador_20179478954\/corteconstitucionalcronologico202454587\/category\/buscar-en-toda-la-corte\/2000\/tutelas-2000\/' title='Tutelas 2000' class='pt-cv-tax-tutelas-2000'>Tutelas 2000<\/a><\/div>\n<h4 class=\"pt-cv-title\"><a href=\"https:\/\/www.dmsjuridica.com\/buscador_20179478954\/corteconstitucionalcronologico202454587\/t-933-00\/\" class=\"_self\" target=\"_self\" >T-933-00<\/a><\/h4>\n<div class=\"pt-cv-content\">\u00a0 \u00a0 Sentencia T-933\/00 \u00a0 DERECHO A LA SALUD-Conexidad con la vida \u00a0 DERECHO A LA SALUD-Contenido prestacional\/MEDIO DE DEFENSA JUDICIAL-Examen y medicamentos no son necesarios para protecci\u00f3n de la vida \u00a0 Reiteraci\u00f3n de Jurisprudencia \u00a0 Referencia: expediente T-306681 \u00a0 Acci\u00f3n de tutela instaurada por Santiago Ram\u00edrez Calder\u00f3n, Defensor del Pueblo, Regional Tolima, en representaci\u00f3n de Mar\u00eda de Jes\u00fas Cabezas Cuellar contra SaludCopp. \u00a0 Magistrado Ponente: \u00a0 Dr. ALEJANDRO MART\u00cdNEZ CABALLERO \u00a0 Santa Fe de Bogot\u00e1, D.C., a los veinticuatro (24) d\u00edas del mes de julio \u00a0 \u00a0 \u00a0 \u00a0 \u00a0de dos mil (2000). \u00a0 La Sala Sexta de revisi\u00f3n ...<br \/><div class=\"pt-cv-rmwrap\"><a href=\"https:\/\/www.dmsjuridica.com\/buscador_20179478954\/corteconstitucionalcronologico202454587\/t-933-00\/\" class=\"_self pt-cv-readmore btn btn-success\" target=\"_self\">Ver Sentencia Completa...<\/a><\/div><\/div><\/div><\/div>\n<div class=\"col-md-12 col-sm-12 col-xs-12 pt-cv-content-item pt-cv-1-col\" ><div class='pt-cv-ifield'><a href=\"https:\/\/www.dmsjuridica.com\/buscador_20179478954\/corteconstitucionalcronologico202454587\/t-932-00\/\" class=\"_self pt-cv-href-thumbnail pt-cv-thumb-default\" target=\"_self\" ><\/a>\n<div class=\"pt-cv-taxoterm above_title\"><a href='https:\/\/www.dmsjuridica.com\/buscador_20179478954\/corteconstitucionalcronologico202454587\/category\/buscar-en-toda-la-corte\/2000\/tutelas-2000\/' title='Tutelas 2000' class='pt-cv-tax-tutelas-2000'>Tutelas 2000<\/a><\/div>\n<h4 class=\"pt-cv-title\"><a href=\"https:\/\/www.dmsjuridica.com\/buscador_20179478954\/corteconstitucionalcronologico202454587\/t-932-00\/\" class=\"_self\" target=\"_self\" >T-932-00<\/a><\/h4>\n<div class=\"pt-cv-content\">\u00a0 \u00a0 Sentencia T-932\/00 \u00a0 ACCION DE TUTELA-Procedencia excepcional pago de acreencias laborales\/DERECHO AL MINIMO VITAL DEL TRABAJADOR-Pago oportuno de salarios \u00a0 DERECHO AL PAGO OPORTUNO DEL SALARIO-Fundamental \u00a0 EMPLEADOR-Falta de presupuesto o insolvencia para pago oportuno de salarios no es raz\u00f3n suficiente \u00a0 DERECHO A LA SEGURIDAD SOCIAL-Traslado inmediato de aportes a EPS \u00a0 Tan pronto son realizados los descuentos del salario de un trabajador, por concepto de aportes a salud, dichos recursos deben ser inmediatamente trasladados a la E.P.S. a la cual se encuentren afiliados dichos empleados, en \u00e9ste caso al Instituto de Seguros Sociales, a efecto de ...<br \/><div class=\"pt-cv-rmwrap\"><a href=\"https:\/\/www.dmsjuridica.com\/buscador_20179478954\/corteconstitucionalcronologico202454587\/t-932-00\/\" class=\"_self pt-cv-readmore btn btn-success\" target=\"_self\">Ver Sentencia Completa...<\/a><\/div><\/div><\/div><\/div>\n<div class=\"col-md-12 col-sm-12 col-xs-12 pt-cv-content-item pt-cv-1-col\" ><div class='pt-cv-ifield'><a href=\"https:\/\/www.dmsjuridica.com\/buscador_20179478954\/corteconstitucionalcronologico202454587\/t-931-00\/\" class=\"_self pt-cv-href-thumbnail pt-cv-thumb-default\" target=\"_self\" ><\/a>\n<div class=\"pt-cv-taxoterm above_title\"><a href='https:\/\/www.dmsjuridica.com\/buscador_20179478954\/corteconstitucionalcronologico202454587\/category\/buscar-en-toda-la-corte\/2000\/tutelas-2000\/' title='Tutelas 2000' class='pt-cv-tax-tutelas-2000'>Tutelas 2000<\/a><\/div>\n<h4 class=\"pt-cv-title\"><a href=\"https:\/\/www.dmsjuridica.com\/buscador_20179478954\/corteconstitucionalcronologico202454587\/t-931-00\/\" class=\"_self\" target=\"_self\" >T-931-00<\/a><\/h4>\n<div class=\"pt-cv-content\">\u00a0 \u00a0 Sentencia T-931\/00 \u00a0 ACCION DE TUTELA-Procedencia excepcional pago de acreencias laborales\/DERECHO AL MINIMO VITAL DEL TRABAJADOR-Pago oportuno de salarios \u00a0 DERECHO AL PAGO OPORTUNO DEL SALARIO-Fundamental \u00a0 EMPLEADOR-Falta de presupuesto o insolvencia para pago oportuno de salarios no es raz\u00f3n suficiente \u00a0 Reiteraci\u00f3n de Jurisprudencia \u00a0 Referencia: expediente T-306759 \u00a0 Acci\u00f3n de tutela instaurada por Mauricio Fern\u00e1ndez Taborda contra el Alcalde y Tesorero del Municipio de Urrao (Antioquia).\u00a0 \u00a0 Magistrado Ponente: \u00a0 Dr. ALEJANDRO MART\u00cdNEZ CABALLERO \u00a0 Santa Fe de Bogot\u00e1, D.C., a los veintisiete (27) d\u00edas del mes de julio de dos mil (2000). \u00a0 La Sala ...<br \/><div class=\"pt-cv-rmwrap\"><a href=\"https:\/\/www.dmsjuridica.com\/buscador_20179478954\/corteconstitucionalcronologico202454587\/t-931-00\/\" class=\"_self pt-cv-readmore btn btn-success\" target=\"_self\">Ver Sentencia Completa...<\/a><\/div><\/div><\/div><\/div>\n<div class=\"col-md-12 col-sm-12 col-xs-12 pt-cv-content-item pt-cv-1-col\" ><div class='pt-cv-ifield'><a href=\"https:\/\/www.dmsjuridica.com\/buscador_20179478954\/corteconstitucionalcronologico202454587\/t-930-00\/\" class=\"_self pt-cv-href-thumbnail pt-cv-thumb-default\" target=\"_self\" ><\/a>\n<div class=\"pt-cv-taxoterm above_title\"><a href='https:\/\/www.dmsjuridica.com\/buscador_20179478954\/corteconstitucionalcronologico202454587\/category\/buscar-en-toda-la-corte\/2000\/tutelas-2000\/' title='Tutelas 2000' class='pt-cv-tax-tutelas-2000'>Tutelas 2000<\/a><\/div>\n<h4 class=\"pt-cv-title\"><a href=\"https:\/\/www.dmsjuridica.com\/buscador_20179478954\/corteconstitucionalcronologico202454587\/t-930-00\/\" class=\"_self\" target=\"_self\" >T-930-00<\/a><\/h4>\n<div class=\"pt-cv-content\">\u00a0 \u00a0 Sentencia T-930\/00 \u00a0 ACCION DE TUTELA-Procedencia excepcional pago de acreencias laborales\/DERECHO AL MINIMO VITAL DEL TRABAJADOR-Pago oportuno de salarios \u00a0 DERECHO AL PAGO OPORTUNO DEL SALARIO-Fundamental \u00a0 EMPLEADOR-Falta de presupuesto o insolvencia para pago oportuno de salarios no es raz\u00f3n suficiente \u00a0 Reiteraci\u00f3n de Jurisprudencia \u00a0 Referencia: expediente T-304857 \u00a0 Acci\u00f3n de tutela instaurada por Olga Beatr\u00edz Mu\u00f1oz Mar\u00edn contra la E.S.E. Hospital General de Barranquilla y Alcalde General de Barranquilla. \u00a0 Magistrado Ponente: \u00a0 Dr. ALEJANDRO MART\u00cdNEZ CABALLERO \u00a0 Santa Fe de Bogot\u00e1 D.C., a los veinticuatro (24) d\u00edas del mes de julio de dos mil (2000) ...<br \/><div class=\"pt-cv-rmwrap\"><a href=\"https:\/\/www.dmsjuridica.com\/buscador_20179478954\/corteconstitucionalcronologico202454587\/t-930-00\/\" class=\"_self pt-cv-readmore btn btn-success\" target=\"_self\">Ver Sentencia Completa...<\/a><\/div><\/div><\/div><\/div>\n<div class=\"col-md-12 col-sm-12 col-xs-12 pt-cv-content-item pt-cv-1-col\" ><div class='pt-cv-ifield'><a href=\"https:\/\/www.dmsjuridica.com\/buscador_20179478954\/corteconstitucionalcronologico202454587\/t-929-00\/\" class=\"_self pt-cv-href-thumbnail pt-cv-thumb-default\" target=\"_self\" ><\/a>\n<div class=\"pt-cv-taxoterm above_title\"><a href='https:\/\/www.dmsjuridica.com\/buscador_20179478954\/corteconstitucionalcronologico202454587\/category\/buscar-en-toda-la-corte\/2000\/tutelas-2000\/' title='Tutelas 2000' class='pt-cv-tax-tutelas-2000'>Tutelas 2000<\/a><\/div>\n<h4 class=\"pt-cv-title\"><a href=\"https:\/\/www.dmsjuridica.com\/buscador_20179478954\/corteconstitucionalcronologico202454587\/t-929-00\/\" class=\"_self\" target=\"_self\" >T-929-00<\/a><\/h4>\n<div class=\"pt-cv-content\">\u00a0 \u00a0 Sentencia T-929\/00 \u00a0 ACCION DE TUTELA-Procedencia excepcional pago de acreencias laborales\/DERECHO AL MINIMO VITAL DEL PENSIONADO-Pago oportuno de mesadas \u00a0 TERCERA EDAD-Pago oportuno de mesadas pensionales \u00a0 DEPARTAMENTO-Situaci\u00f3n econ\u00f3mica o presupuestal no es \u00f3bice para desconocer obligaciones laborales \u00a0 Reiteraci\u00f3n de Jurisprudencia \u00a0 Referencia: expedientes T-305498, T-305499 y T-305501. \u00a0 Acciones de tutela instauradas por Ra\u00fal Jos\u00e9 Fuentes Buitrago, Luis P\u00e9rez Hern\u00e1ndez y Jos\u00e9 Germ\u00e1n Beltr\u00e1n contra el Departamento de Boyac\u00e1, Caja de Previsi\u00f3n Social de Boyac\u00e1 y Secretar\u00eda de Hacienda. \u00a0 Magistrado Ponente: \u00a0 Dr. ALEJANDRO MART\u00cdNEZ CABALLERO \u00a0 Santa Fe de Bogot\u00e1 D.C., a los veinticuatro ...<br \/><div class=\"pt-cv-rmwrap\"><a href=\"https:\/\/www.dmsjuridica.com\/buscador_20179478954\/corteconstitucionalcronologico202454587\/t-929-00\/\" class=\"_self pt-cv-readmore btn btn-success\" target=\"_self\">Ver Sentencia Completa...<\/a><\/div><\/div><\/div><\/div>\n<div class=\"col-md-12 col-sm-12 col-xs-12 pt-cv-content-item pt-cv-1-col\" ><div class='pt-cv-ifield'><a href=\"https:\/\/www.dmsjuridica.com\/buscador_20179478954\/corteconstitucionalcronologico202454587\/t-928-00\/\" class=\"_self pt-cv-href-thumbnail pt-cv-thumb-default\" target=\"_self\" ><\/a>\n<div class=\"pt-cv-taxoterm above_title\"><a href='https:\/\/www.dmsjuridica.com\/buscador_20179478954\/corteconstitucionalcronologico202454587\/category\/buscar-en-toda-la-corte\/2000\/tutelas-2000\/' title='Tutelas 2000' class='pt-cv-tax-tutelas-2000'>Tutelas 2000<\/a><\/div>\n<h4 class=\"pt-cv-title\"><a href=\"https:\/\/www.dmsjuridica.com\/buscador_20179478954\/corteconstitucionalcronologico202454587\/t-928-00\/\" class=\"_self\" target=\"_self\" >T-928-00<\/a><\/h4>\n<div class=\"pt-cv-content\">\u00a0 \u00a0 \u00a0 \u00a0 \u00a0 \u00a0 \u00a0 \u00a0 \u00a0 \u00a0{p} \u00a0 \u00a0 \u00a0 \u00a0 \u00a0 \u00a0 Sentencia T-928\/00 \u00a0 ACCION DE TUTELA-Procedencia excepcional pago de acreencias laborales\/DERECHO AL MINIMO VITAL DEL TRABAJADOR-Pago oportuno de salarios \u00a0 DERECHO AL PAGO OPORTUNO DEL SALARIO-Fundamental \u00a0 EMPLEADOR-Falta de presupuesto o insolvencia para pago oportuno de salarios no es raz\u00f3n suficiente \u00a0 SALARIO-Pago previa disponibilidad presupuestal o inicio de diligencias para su consecuci\u00f3n \u00a0 Reiteraci\u00f3n de Jurisprudencia \u00a0 Referencia: expedientes T-305490, T-305491, T-305492, T-305923 y T-305924. \u00a0 Acciones de tutela instauradas por Luis Antonio Buitrago Bello y otros, contra el Departamento de Boyac\u00e1 y ...<br \/><div class=\"pt-cv-rmwrap\"><a href=\"https:\/\/www.dmsjuridica.com\/buscador_20179478954\/corteconstitucionalcronologico202454587\/t-928-00\/\" class=\"_self pt-cv-readmore btn btn-success\" target=\"_self\">Ver Sentencia Completa...<\/a><\/div><\/div><\/div><\/div>\n<div class=\"col-md-12 col-sm-12 col-xs-12 pt-cv-content-item pt-cv-1-col\" ><div class='pt-cv-ifield'><a href=\"https:\/\/www.dmsjuridica.com\/buscador_20179478954\/corteconstitucionalcronologico202454587\/t-921-00\/\" class=\"_self pt-cv-href-thumbnail pt-cv-thumb-default\" target=\"_self\" ><\/a>\n<div class=\"pt-cv-taxoterm above_title\"><a href='https:\/\/www.dmsjuridica.com\/buscador_20179478954\/corteconstitucionalcronologico202454587\/category\/buscar-en-toda-la-corte\/2000\/tutelas-2000\/' title='Tutelas 2000' class='pt-cv-tax-tutelas-2000'>Tutelas 2000<\/a><\/div>\n<h4 class=\"pt-cv-title\"><a href=\"https:\/\/www.dmsjuridica.com\/buscador_20179478954\/corteconstitucionalcronologico202454587\/t-921-00\/\" class=\"_self\" target=\"_self\" >T-921-00<\/a><\/h4>\n<div class=\"pt-cv-content\">\u00a0 \u00a0 Sentencia T-921\/00 \u00a0 ACCION DE TUTELA-Improcedencia general sobre controversias laborales \u00a0 Referencia: expediente T-288058 \u00a0 Acci\u00f3n de tutela incoada por Manuel Esteban Parra Rojas contra el Departamento del Huila.\u00a0 \u00a0 Magistrado Ponente: \u00a0 Dr. JOS\u00c9 GREGORIO HERN\u00c1NDEZ GALINDO \u00a0 Santa Fe de Bogot\u00e1, D.C., diecisiete (17) de julio de dos mil (2000). \u00a0 La Sala Quinta de Revisi\u00f3n de la Corte Constitucional, en ejercicio de sus competencias constitucionales y legales, espec\u00edficamente las previstas en los art\u00edculos 86 y \u00a0241, numeral 9, de la Constituci\u00f3n Pol\u00edtica y en el Decreto 2591 de 1991, ha proferido la siguiente \u00a0 SENTENCIA ...<br \/><div class=\"pt-cv-rmwrap\"><a href=\"https:\/\/www.dmsjuridica.com\/buscador_20179478954\/corteconstitucionalcronologico202454587\/t-921-00\/\" class=\"_self pt-cv-readmore btn btn-success\" target=\"_self\">Ver Sentencia Completa...<\/a><\/div><\/div><\/div><\/div>\n<div class=\"col-md-12 col-sm-12 col-xs-12 pt-cv-content-item pt-cv-1-col\" ><div class='pt-cv-ifield'><a href=\"https:\/\/www.dmsjuridica.com\/buscador_20179478954\/corteconstitucionalcronologico202454587\/t-920-00\/\" class=\"_self pt-cv-href-thumbnail pt-cv-thumb-default\" target=\"_self\" ><\/a>\n<div class=\"pt-cv-taxoterm above_title\"><a href='https:\/\/www.dmsjuridica.com\/buscador_20179478954\/corteconstitucionalcronologico202454587\/category\/buscar-en-toda-la-corte\/2000\/tutelas-2000\/' title='Tutelas 2000' class='pt-cv-tax-tutelas-2000'>Tutelas 2000<\/a><\/div>\n<h4 class=\"pt-cv-title\"><a href=\"https:\/\/www.dmsjuridica.com\/buscador_20179478954\/corteconstitucionalcronologico202454587\/t-920-00\/\" class=\"_self\" target=\"_self\" >T-920-00<\/a><\/h4>\n<div class=\"pt-cv-content\">\u00a0 \u00a0 \u00a0 \u00a0 \u00a0 \u00a0 \u00a0 \u00a0 \u00a0 \u00a0{p} \u00a0 \u00a0 \u00a0 \u00a0 \u00a0 \u00a0 Sentencia T-920\/00 \u00a0 MENOR ENFERMO-Curaci\u00f3n \u00a0 NI\u00d1O DISCAPACITADO-Suspensi\u00f3n de tratamiento de rehabilitaci\u00f3n integral \u00a0 NI\u00d1O DISCAPACITADO-Tratamiento que permite mejorar sus condiciones de vida \u00a0 NI\u00d1O DISCAPACITADO-Profesionales de la salud determinan tratamiento de rehabilitaci\u00f3n \u00a0 SEGURO SOCIAL-Deber de prestaci\u00f3n de tratamiento de rehabilitaci\u00f3n\/FONDO DE SOLIDARIDAD Y GARANTIA-Reembolso al seguro social por tratamiento de rehabilitaci\u00f3n excluido del POS \u00a0 Referencia: expedientes acumulados \u00a0T-268227, T-271523, T-269683, T-269682, T-269671, T-270603, T-280950 T-280954, T-280983, T-281197, T-281198, T-281281, T-288071, T-284766, \u00a0T-284775 y T-290978 \u00a0 Acci\u00f3n de tutela instaurada por William ...<br \/><div class=\"pt-cv-rmwrap\"><a href=\"https:\/\/www.dmsjuridica.com\/buscador_20179478954\/corteconstitucionalcronologico202454587\/t-920-00\/\" class=\"_self pt-cv-readmore btn btn-success\" target=\"_self\">Ver Sentencia Completa...<\/a><\/div><\/div><\/div><\/div>\n<div class=\"col-md-12 col-sm-12 col-xs-12 pt-cv-content-item pt-cv-1-col\" ><div class='pt-cv-ifield'><a href=\"https:\/\/www.dmsjuridica.com\/buscador_20179478954\/corteconstitucionalcronologico202454587\/t-919-00\/\" class=\"_self pt-cv-href-thumbnail pt-cv-thumb-default\" target=\"_self\" ><\/a>\n<div class=\"pt-cv-taxoterm above_title\"><a href='https:\/\/www.dmsjuridica.com\/buscador_20179478954\/corteconstitucionalcronologico202454587\/category\/buscar-en-toda-la-corte\/2000\/tutelas-2000\/' title='Tutelas 2000' class='pt-cv-tax-tutelas-2000'>Tutelas 2000<\/a><\/div>\n<h4 class=\"pt-cv-title\"><a href=\"https:\/\/www.dmsjuridica.com\/buscador_20179478954\/corteconstitucionalcronologico202454587\/t-919-00\/\" class=\"_self\" target=\"_self\" >T-919-00<\/a><\/h4>\n<div class=\"pt-cv-content\">\u00a0 \u00a0 Sentencia T-919\/00 \u00a0 ACCION DE TUTELA-Procedencia excepcional pago de acreencias laborales \u00a0 DERECHO AL MINIMO VITAL DEL TRABAJADOR-Presunci\u00f3n de afectaci\u00f3n por no pago oportuno de salarios \u00a0 SALARIOS-Cesaci\u00f3n de pagos indefinidamente repercute en la familia \u00a0 DERECHO AL PAGO OPORTUNO DEL SALARIO-Fundamental \u00a0 ESTABLECIMIENTO HOSPITALARIO-Situaci\u00f3n econ\u00f3mica o presupuestal no es \u00f3bice para desconocer obligaciones laborales \u00a0 Reiteraci\u00f3n de jurisprudencia \u00a0 Referencia: expedientes T-289711, T-289720, T-290579, T-291361, T-292078, T-295949,T-296985, T-297349, T-299412, T-302405, T-303390, T-303861, T-303864, T-303885, T-304700, T-304736, T-305214, T-305263, T-306128 y T-306144. \u00a0 Acciones de tutela instauradas por Mar\u00eda Edilma Murcia Endo y otros contra la Fundaci\u00f3n San ...<br \/><div class=\"pt-cv-rmwrap\"><a href=\"https:\/\/www.dmsjuridica.com\/buscador_20179478954\/corteconstitucionalcronologico202454587\/t-919-00\/\" class=\"_self pt-cv-readmore btn btn-success\" target=\"_self\">Ver Sentencia Completa...<\/a><\/div><\/div><\/div><\/div>\n<div class=\"col-md-12 col-sm-12 col-xs-12 pt-cv-content-item pt-cv-1-col\" ><div class='pt-cv-ifield'><a href=\"https:\/\/www.dmsjuridica.com\/buscador_20179478954\/corteconstitucionalcronologico202454587\/t-918-00\/\" class=\"_self pt-cv-href-thumbnail pt-cv-thumb-default\" target=\"_self\" ><\/a>\n<div class=\"pt-cv-taxoterm above_title\"><a href='https:\/\/www.dmsjuridica.com\/buscador_20179478954\/corteconstitucionalcronologico202454587\/category\/buscar-en-toda-la-corte\/2000\/tutelas-2000\/' title='Tutelas 2000' class='pt-cv-tax-tutelas-2000'>Tutelas 2000<\/a><\/div>\n<h4 class=\"pt-cv-title\"><a href=\"https:\/\/www.dmsjuridica.com\/buscador_20179478954\/corteconstitucionalcronologico202454587\/t-918-00\/\" class=\"_self\" target=\"_self\" >T-918-00<\/a><\/h4>\n<div class=\"pt-cv-content\">\u00a0 \u00a0 Sentencia T-918\/00 \u00a0 DERECHO AL MINIMO VITAL DEL TRABAJADOR-Pago oportuno de salarios \u00a0 ESTABLECIMIENTO HOSPITALARIO-Situaci\u00f3n econ\u00f3mica o presupuestal no es \u00f3bice para desconocer obligaciones laborales \u00a0 Reiteraci\u00f3n de Jurisprudencia \u00a0 Referencia: expediente T-303979 \u00a0 Acci\u00f3n de tutela instaurada por Mar\u00eda In\u00e9s Portilla y Flor Mutis Celis contra la Cl\u00ednica la Merced de la ciudad de Bucaramanga \u00a0 Magistrado ponente: \u00a0 Dr. ALEJANDRO MARTINEZ CABALLERO \u00a0 Santa Fe de Bogot\u00e1 D.C., a los diecisiete (17) d\u00edas del mes de julio dos mil (2000). \u00a0 La Sala Sexta de Revisi\u00f3n de la Corte Constitucional, integrada por los Magistrados doctores Alejandro ...<br \/><div class=\"pt-cv-rmwrap\"><a href=\"https:\/\/www.dmsjuridica.com\/buscador_20179478954\/corteconstitucionalcronologico202454587\/t-918-00\/\" class=\"_self pt-cv-readmore btn btn-success\" target=\"_self\">Ver Sentencia Completa...<\/a><\/div><\/div><\/div><\/div>\n<div class=\"col-md-12 col-sm-12 col-xs-12 pt-cv-content-item pt-cv-1-col\" ><div class='pt-cv-ifield'><a href=\"https:\/\/www.dmsjuridica.com\/buscador_20179478954\/corteconstitucionalcronologico202454587\/t-917-00\/\" class=\"_self pt-cv-href-thumbnail pt-cv-thumb-default\" target=\"_self\" ><\/a>\n<div class=\"pt-cv-taxoterm above_title\"><a href='https:\/\/www.dmsjuridica.com\/buscador_20179478954\/corteconstitucionalcronologico202454587\/category\/buscar-en-toda-la-corte\/2000\/tutelas-2000\/' title='Tutelas 2000' class='pt-cv-tax-tutelas-2000'>Tutelas 2000<\/a><\/div>\n<h4 class=\"pt-cv-title\"><a href=\"https:\/\/www.dmsjuridica.com\/buscador_20179478954\/corteconstitucionalcronologico202454587\/t-917-00\/\" class=\"_self\" target=\"_self\" >T-917-00<\/a><\/h4>\n<div class=\"pt-cv-content\">\u00a0 \u00a0 Sentencia T-917\/00 \u00a0 DERECHO A LA IGUALDAD EN REGIMEN DE CESANTIAS PARCIALES-Cambio de legislaci\u00f3n \u00a0 REGIMEN DE CESANTIAS PARCIALES-Cambio de legislaci\u00f3n no justifica trato diferencial \u00a0 ACCION DE TUTELA-Procedencia excepcional pago de acreencias laborales \u00a0 DERECHO A LA IGUALDAD-Discriminaci\u00f3n entre empleados judiciales por r\u00e9gimen de cesant\u00edas parciales \u00a0 INDEXACION-Actualizaci\u00f3n monetaria que la administraci\u00f3n adeuda\/INDEXACION DE CESANTIAS PARCIALES-Trabajadores de la Rama Judicial \u00a0 Reiteraci\u00f3n de Jurisprudencia \u00a0 Referencia: expedientes T-299722 y T-302924. \u00a0 Acciones de tutela instauradas por Leotis de Jes\u00fas Villareal Guerra y Eduardo Suaza Falla contra el Ministerio de Hacienda y Cr\u00e9dito P\u00fablico y la Administraci\u00f3n Judicial ...<br \/><div class=\"pt-cv-rmwrap\"><a href=\"https:\/\/www.dmsjuridica.com\/buscador_20179478954\/corteconstitucionalcronologico202454587\/t-917-00\/\" class=\"_self pt-cv-readmore btn btn-success\" target=\"_self\">Ver Sentencia Completa...<\/a><\/div><\/div><\/div><\/div>\n<div class=\"col-md-12 col-sm-12 col-xs-12 pt-cv-content-item pt-cv-1-col\" ><div class='pt-cv-ifield'><a href=\"https:\/\/www.dmsjuridica.com\/buscador_20179478954\/corteconstitucionalcronologico202454587\/t-916-00\/\" class=\"_self pt-cv-href-thumbnail pt-cv-thumb-default\" target=\"_self\" ><\/a>\n<div class=\"pt-cv-taxoterm above_title\"><a href='https:\/\/www.dmsjuridica.com\/buscador_20179478954\/corteconstitucionalcronologico202454587\/category\/buscar-en-toda-la-corte\/2000\/tutelas-2000\/' title='Tutelas 2000' class='pt-cv-tax-tutelas-2000'>Tutelas 2000<\/a><\/div>\n<h4 class=\"pt-cv-title\"><a href=\"https:\/\/www.dmsjuridica.com\/buscador_20179478954\/corteconstitucionalcronologico202454587\/t-916-00\/\" class=\"_self\" target=\"_self\" >T-916-00<\/a><\/h4>\n<div class=\"pt-cv-content\">\u00a0 \u00a0 Sentencia T-916\/00 \u00a0 DERECHO DE PETICION-Respuesta oportuna y exacta \u00a0 Reiteraci\u00f3n de Jurisprudencia \u00a0 Acci\u00f3n de tutela instaurada por Luis Alberto D\u00edaz contra el Gobernador del Departamento de Tolima. \u00a0 Magistrado ponente: \u00a0 Dr. ALEJANDRO MART\u00cdNEZ CABALLERO \u00a0 Santa Fe de Bogot\u00e1, D.C., a los diecisiete (17) d\u00edas del mes de julio de dos mil (2000). \u00a0 La Sala Sexta de Revisi\u00f3n de la Corte Constitucional, integrada por los Magistrados doctores Alejandro Mart\u00ednez Caballero, Fabio Mor\u00f3n D\u00edaz y Vladimiro Naranjo Mesa, en ejercicio de sus competencias constitucionales y legales, ha proferido la siguiente, \u00a0 SENTENCIA \u00a0 en el ...<br \/><div class=\"pt-cv-rmwrap\"><a href=\"https:\/\/www.dmsjuridica.com\/buscador_20179478954\/corteconstitucionalcronologico202454587\/t-916-00\/\" class=\"_self pt-cv-readmore btn btn-success\" target=\"_self\">Ver Sentencia Completa...<\/a><\/div><\/div><\/div><\/div>\n<div class=\"col-md-12 col-sm-12 col-xs-12 pt-cv-content-item pt-cv-1-col\" ><div class='pt-cv-ifield'><a href=\"https:\/\/www.dmsjuridica.com\/buscador_20179478954\/corteconstitucionalcronologico202454587\/t-915-00\/\" class=\"_self pt-cv-href-thumbnail pt-cv-thumb-default\" target=\"_self\" ><\/a>\n<div class=\"pt-cv-taxoterm above_title\"><a href='https:\/\/www.dmsjuridica.com\/buscador_20179478954\/corteconstitucionalcronologico202454587\/category\/buscar-en-toda-la-corte\/2000\/tutelas-2000\/' title='Tutelas 2000' class='pt-cv-tax-tutelas-2000'>Tutelas 2000<\/a><\/div>\n<h4 class=\"pt-cv-title\"><a href=\"https:\/\/www.dmsjuridica.com\/buscador_20179478954\/corteconstitucionalcronologico202454587\/t-915-00\/\" class=\"_self\" target=\"_self\" >T-915-00<\/a><\/h4>\n<div class=\"pt-cv-content\">\u00a0 \u00a0 Sentencia T-915\/00 \u00a0 DERECHO AL MINIMO VITAL DE MUJER EMBARAZADA-Prueba de la amenaza \u00a0 Reiteraci\u00f3n de Jurisprudencia \u00a0 Referencia: expediente T-303003 \u00a0 Acci\u00f3n de tutela instaurada por Aura Magnolia Ulchur Mosquera contra el Hospital Universitario San Jos\u00e9 de Popay\u00e1n. \u00a0 Magistrado Ponente: \u00a0 Dr. ALEJANDRO MARTINEZ CABALLERO \u00a0 Santa Fe de Bogot\u00e1, D.C. a los diecisiete (17) d\u00edas del mes de julio de dos mil (2000). \u00a0 La Sala Sexta de Revisi\u00f3n de la Corte Constitucional, en ejercicio de sus competencias constitucionales y legales, en particular las contenidas en los art\u00edculos 86 y 241, numeral 9, de la ...<br \/><div class=\"pt-cv-rmwrap\"><a href=\"https:\/\/www.dmsjuridica.com\/buscador_20179478954\/corteconstitucionalcronologico202454587\/t-915-00\/\" class=\"_self pt-cv-readmore btn btn-success\" target=\"_self\">Ver Sentencia Completa...<\/a><\/div><\/div><\/div><\/div>\n<div class=\"col-md-12 col-sm-12 col-xs-12 pt-cv-content-item pt-cv-1-col\" ><div class='pt-cv-ifield'><a href=\"https:\/\/www.dmsjuridica.com\/buscador_20179478954\/corteconstitucionalcronologico202454587\/t-914-00\/\" class=\"_self pt-cv-href-thumbnail pt-cv-thumb-default\" target=\"_self\" ><\/a>\n<div class=\"pt-cv-taxoterm above_title\"><a href='https:\/\/www.dmsjuridica.com\/buscador_20179478954\/corteconstitucionalcronologico202454587\/category\/buscar-en-toda-la-corte\/2000\/tutelas-2000\/' title='Tutelas 2000' class='pt-cv-tax-tutelas-2000'>Tutelas 2000<\/a><\/div>\n<h4 class=\"pt-cv-title\"><a href=\"https:\/\/www.dmsjuridica.com\/buscador_20179478954\/corteconstitucionalcronologico202454587\/t-914-00\/\" class=\"_self\" target=\"_self\" >T-914-00<\/a><\/h4>\n<div class=\"pt-cv-content\">\u00a0 \u00a0 Sentencia T-914\/00 \u00a0 LICENCIA DE MATERNIDAD-Procedencia excepcional de tutela para el pago \u00a0 PRINCIPIO DE FAVORABILIDAD NORMATIVA EN MATERIA DE LICENCIA DE MATERNIDAD-Pago\u00a0 \u00a0 Reiteraci\u00f3n de Jurisprudencia \u00a0 Referencia: expediente T-303677 \u00a0 Acci\u00f3n de tutela instaurada por Claudia Patricia Blanco Fl\u00f3rez contra Saludcoop E.P.S. \u00a0 Magistrado Ponente: \u00a0 Dr. ALEJANDRO MARTINEZ CABALLERO \u00a0 Santa Fe de Bogot\u00e1, D.C. a los diecisiete (17) d\u00edas del mes de julio de dos mil (2000). \u00a0 La Sala Sexta de Revisi\u00f3n de la Corte Constitucional, en ejercicio de sus competencias constitucionales y legales, en particular las contenidas en los art\u00edculos 86 y ...<br \/><div class=\"pt-cv-rmwrap\"><a href=\"https:\/\/www.dmsjuridica.com\/buscador_20179478954\/corteconstitucionalcronologico202454587\/t-914-00\/\" class=\"_self pt-cv-readmore btn btn-success\" target=\"_self\">Ver Sentencia Completa...<\/a><\/div><\/div><\/div><\/div>\n<div class=\"col-md-12 col-sm-12 col-xs-12 pt-cv-content-item pt-cv-1-col\" ><div class='pt-cv-ifield'><a href=\"https:\/\/www.dmsjuridica.com\/buscador_20179478954\/corteconstitucionalcronologico202454587\/t-913-00\/\" class=\"_self pt-cv-href-thumbnail pt-cv-thumb-default\" target=\"_self\" ><\/a>\n<div class=\"pt-cv-taxoterm above_title\"><a href='https:\/\/www.dmsjuridica.com\/buscador_20179478954\/corteconstitucionalcronologico202454587\/category\/buscar-en-toda-la-corte\/2000\/tutelas-2000\/' title='Tutelas 2000' class='pt-cv-tax-tutelas-2000'>Tutelas 2000<\/a><\/div>\n<h4 class=\"pt-cv-title\"><a href=\"https:\/\/www.dmsjuridica.com\/buscador_20179478954\/corteconstitucionalcronologico202454587\/t-913-00\/\" class=\"_self\" target=\"_self\" >T-913-00<\/a><\/h4>\n<div class=\"pt-cv-content\">\u00a0 \u00a0 Sentencia T-913\/00 \u00a0 LEGITIMACION POR PASIVA EN TUTELA \u00a0 DERECHO A LA SALUD-Incovenientes de atenci\u00f3n a beneficiarios por tr\u00e1mites internos\/DERECHO A LA SALUD-Tratamiento de quimioterapia \u00a0 Reiteraci\u00f3n de Jurisprudencia \u00a0 Referencia: expediente T-303448 \u00a0 Acci\u00f3n de tutela instaurada por Beatriz Aponte de Garavito contra la Caja Nacional de Previsi\u00f3n Social. \u00a0 Magistrado Ponente: \u00a0 Dr. ALEJANDRO MART\u00cdNEZ CABALLERO \u00a0 Santa Fe de Bogot\u00e1, D.C., a los diecisiete (17) d\u00edas del mes de julio de dos mil (2000). \u00a0 \u00a0 \u00a0 \u00a0 \u00a0\u00a0 \u00a0 La Sala Sexta de Revisi\u00f3n de la Corte Constitucional, integrada por los Magistrados doctores Alejandro ...<br \/><div class=\"pt-cv-rmwrap\"><a href=\"https:\/\/www.dmsjuridica.com\/buscador_20179478954\/corteconstitucionalcronologico202454587\/t-913-00\/\" class=\"_self pt-cv-readmore btn btn-success\" target=\"_self\">Ver Sentencia Completa...<\/a><\/div><\/div><\/div><\/div>\n<div class=\"col-md-12 col-sm-12 col-xs-12 pt-cv-content-item pt-cv-1-col\" ><div class='pt-cv-ifield'><a href=\"https:\/\/www.dmsjuridica.com\/buscador_20179478954\/corteconstitucionalcronologico202454587\/t-912-00\/\" class=\"_self pt-cv-href-thumbnail pt-cv-thumb-default\" target=\"_self\" ><\/a>\n<div class=\"pt-cv-taxoterm above_title\"><a href='https:\/\/www.dmsjuridica.com\/buscador_20179478954\/corteconstitucionalcronologico202454587\/category\/buscar-en-toda-la-corte\/2000\/tutelas-2000\/' title='Tutelas 2000' class='pt-cv-tax-tutelas-2000'>Tutelas 2000<\/a><\/div>\n<h4 class=\"pt-cv-title\"><a href=\"https:\/\/www.dmsjuridica.com\/buscador_20179478954\/corteconstitucionalcronologico202454587\/t-912-00\/\" class=\"_self\" target=\"_self\" >T-912-00<\/a><\/h4>\n<div class=\"pt-cv-content\">\u00a0 \u00a0 Sentencia T-912\/00 \u00a0 DERECHO AL RECONOCIMIENTO DE LA PERSONALIDAD JURIDICA-Alcance\/DERECHO A LA PERSONALIDAD JURIDICA-Filiaci\u00f3n \u00a0 MEDIO DE DEFENSA JUDICIAL-Iniciaci\u00f3n proceso de filiaci\u00f3n \u00a0 MEDIO DE DEFENSA JUDICIAL-Reconocimiento de paternidad \u00a0 Reiteraci\u00f3n de Jurisprudencia \u00a0 Acci\u00f3n de tutela instaurada por Lidia Esperanza Polania Aranda Personera Municipal de Facatativ\u00e1 en inter\u00e9s de Liliana Victoria Tovar Acero contra Lucy Stella Arg\u00fcello Campo Directora Nacional del Registro Civil. \u00a0 Magistrado Ponente: \u00a0 Dr. ALEJANDRO MART\u00cdNEZ CABALLERO \u00a0 Santa Fe de Bogot\u00e1, D.C., a los diecisiete (17) d\u00edas del mes de julio de dos mil (2000). \u00a0 La Sala Sexta de Revisi\u00f3n de ...<br \/><div class=\"pt-cv-rmwrap\"><a href=\"https:\/\/www.dmsjuridica.com\/buscador_20179478954\/corteconstitucionalcronologico202454587\/t-912-00\/\" class=\"_self pt-cv-readmore btn btn-success\" target=\"_self\">Ver Sentencia Completa...<\/a><\/div><\/div><\/div><\/div>\n<div class=\"col-md-12 col-sm-12 col-xs-12 pt-cv-content-item pt-cv-1-col\" ><div class='pt-cv-ifield'><a href=\"https:\/\/www.dmsjuridica.com\/buscador_20179478954\/corteconstitucionalcronologico202454587\/t-911-00\/\" class=\"_self pt-cv-href-thumbnail pt-cv-thumb-default\" target=\"_self\" ><\/a>\n<div class=\"pt-cv-taxoterm above_title\"><a href='https:\/\/www.dmsjuridica.com\/buscador_20179478954\/corteconstitucionalcronologico202454587\/category\/buscar-en-toda-la-corte\/2000\/tutelas-2000\/' title='Tutelas 2000' class='pt-cv-tax-tutelas-2000'>Tutelas 2000<\/a><\/div>\n<h4 class=\"pt-cv-title\"><a href=\"https:\/\/www.dmsjuridica.com\/buscador_20179478954\/corteconstitucionalcronologico202454587\/t-911-00\/\" class=\"_self\" target=\"_self\" >T-911-00<\/a><\/h4>\n<div class=\"pt-cv-content\">\u00a0 \u00a0 Sentencia T-911\/00 \u00a0 ACCION DE TUTELA-Improcedencia general pago de acreencias laborales\/MEDIO DE DEFENSA JUDICIAL-Pago de acreencias laborales \u00a0 Reiteraci\u00f3n de jurisprudencia \u00a0 Referencia: expediente T-304271 \u00a0 Magistrado Ponente: \u00a0 Dr. ALEJANDRO MARTINEZ CABALLERO \u00a0 Santa Fe de Bogot\u00e1, D.C. a los diecisiete (17) d\u00edas del mes de julio de dos mil (2000). \u00a0 La Sala Sexta de Revisi\u00f3n de la Corte Constitucional, en ejercicio de sus competencias constitucionales y legales, en particular las contenidas en los art\u00edculos 86 y 241, numeral 9, de la Constituci\u00f3n y en el Decreto 2591 de 1991, ha proferido la siguiente \u00a0 SENTENCIA ...<br \/><div class=\"pt-cv-rmwrap\"><a href=\"https:\/\/www.dmsjuridica.com\/buscador_20179478954\/corteconstitucionalcronologico202454587\/t-911-00\/\" class=\"_self pt-cv-readmore btn btn-success\" target=\"_self\">Ver Sentencia Completa...<\/a><\/div><\/div><\/div><\/div>\n<div class=\"col-md-12 col-sm-12 col-xs-12 pt-cv-content-item pt-cv-1-col\" ><div class='pt-cv-ifield'><a href=\"https:\/\/www.dmsjuridica.com\/buscador_20179478954\/corteconstitucionalcronologico202454587\/t-910-00\/\" class=\"_self pt-cv-href-thumbnail pt-cv-thumb-default\" target=\"_self\" ><\/a>\n<div class=\"pt-cv-taxoterm above_title\"><a href='https:\/\/www.dmsjuridica.com\/buscador_20179478954\/corteconstitucionalcronologico202454587\/category\/buscar-en-toda-la-corte\/2000\/tutelas-2000\/' title='Tutelas 2000' class='pt-cv-tax-tutelas-2000'>Tutelas 2000<\/a><\/div>\n<h4 class=\"pt-cv-title\"><a href=\"https:\/\/www.dmsjuridica.com\/buscador_20179478954\/corteconstitucionalcronologico202454587\/t-910-00\/\" class=\"_self\" target=\"_self\" >T-910-00<\/a><\/h4>\n<div class=\"pt-cv-content\">\u00a0 \u00a0 Sentencia T-910\/00 \u00a0 ADMINISTRADORA DEL REGIMEN SUBSIDIADO-Informaci\u00f3n al afiliado sobre posibilidad de atenci\u00f3n en servicio no incluido en POS \u00a0 DERECHO A LA INTEGRIDAD FISICA Y PSIQUICA-Dolor \u00a0 Referencia: expediente T-302821 \u00a0 Acci\u00f3n de tutela instaurada por Luis Alberto Alzate Cruz contra CAFAM A.R.S. \u00a0 Magistrado Ponente: \u00a0 Dr. ALEJANDRO MART\u00cdNEZ CABALLERO \u00a0 Santa Fe de Bogot\u00e1, D.C., a los diecisiete (17) d\u00edas del mes de julio de dos mil (2000). \u00a0 La Sala Sexta de Revisi\u00f3n de la Corte Constitucional, en ejercicio de sus competencias constitucionales y legales, en particular las contenidas en los art\u00edculos 86 y ...<br \/><div class=\"pt-cv-rmwrap\"><a href=\"https:\/\/www.dmsjuridica.com\/buscador_20179478954\/corteconstitucionalcronologico202454587\/t-910-00\/\" class=\"_self pt-cv-readmore btn btn-success\" target=\"_self\">Ver Sentencia Completa...<\/a><\/div><\/div><\/div><\/div>\n<div class=\"col-md-12 col-sm-12 col-xs-12 pt-cv-content-item pt-cv-1-col\" ><div class='pt-cv-ifield'><a href=\"https:\/\/www.dmsjuridica.com\/buscador_20179478954\/corteconstitucionalcronologico202454587\/t-909-00\/\" class=\"_self pt-cv-href-thumbnail pt-cv-thumb-default\" target=\"_self\" ><\/a>\n<div class=\"pt-cv-taxoterm above_title\"><a href='https:\/\/www.dmsjuridica.com\/buscador_20179478954\/corteconstitucionalcronologico202454587\/category\/buscar-en-toda-la-corte\/2000\/tutelas-2000\/' title='Tutelas 2000' class='pt-cv-tax-tutelas-2000'>Tutelas 2000<\/a><\/div>\n<h4 class=\"pt-cv-title\"><a href=\"https:\/\/www.dmsjuridica.com\/buscador_20179478954\/corteconstitucionalcronologico202454587\/t-909-00\/\" class=\"_self\" target=\"_self\" >T-909-00<\/a><\/h4>\n<div class=\"pt-cv-content\">\u00a0 \u00a0 Sentencia T-909\/00 \u00a0 CONTRATO DE MEDICINA PREPAGADA Y USUARIOS-Relaci\u00f3n contractual \u00a0 CONTRATO DE MEDICINA PREPAGADA-Exclusi\u00f3n de preexistencias previa, expresa y taxativamente \u00a0 CONTRATO DE MEDICINA PREPAGADA-Excepci\u00f3n a cobertura no puede plantearse de manera general \u00a0 PLAN OBLIGATORIO DE SALUD-Cubrimiento de cirug\u00eda que no tiene fines est\u00e9ticos \u00a0 CONTRATO DE MEDICINA PREPAGADA-Cubrimiento de cirug\u00eda que no tiene fines est\u00e9ticos \u00a0 Reiteraci\u00f3n de Jurisprudencia \u00a0 Referencia: expediente T-302765 \u00a0 Acci\u00f3n de tutela instaurada por Jos\u00e9 Antonio Mart\u00ednez Arango contra Salud Coomeva Medicina Prepagada S.A. \u00a0 Magistrado Ponente: \u00a0 Dr. ALEJANDRO MART\u00cdNEZ CABALLERO \u00a0 Santa Fe de Bogot\u00e1, D.C., a los ...<br \/><div class=\"pt-cv-rmwrap\"><a href=\"https:\/\/www.dmsjuridica.com\/buscador_20179478954\/corteconstitucionalcronologico202454587\/t-909-00\/\" class=\"_self pt-cv-readmore btn btn-success\" target=\"_self\">Ver Sentencia Completa...<\/a><\/div><\/div><\/div><\/div>\n<div class=\"col-md-12 col-sm-12 col-xs-12 pt-cv-content-item pt-cv-1-col\" ><div class='pt-cv-ifield'><a href=\"https:\/\/www.dmsjuridica.com\/buscador_20179478954\/corteconstitucionalcronologico202454587\/t-908-00\/\" class=\"_self pt-cv-href-thumbnail pt-cv-thumb-default\" target=\"_self\" ><\/a>\n<div class=\"pt-cv-taxoterm above_title\"><a href='https:\/\/www.dmsjuridica.com\/buscador_20179478954\/corteconstitucionalcronologico202454587\/category\/buscar-en-toda-la-corte\/2000\/tutelas-2000\/' title='Tutelas 2000' class='pt-cv-tax-tutelas-2000'>Tutelas 2000<\/a><\/div>\n<h4 class=\"pt-cv-title\"><a href=\"https:\/\/www.dmsjuridica.com\/buscador_20179478954\/corteconstitucionalcronologico202454587\/t-908-00\/\" class=\"_self\" target=\"_self\" >T-908-00<\/a><\/h4>\n<div class=\"pt-cv-content\">ADMINISTRADORA DEL REGIMEN SUBSIDIADO-Informaci\u00f3n al afiliado sobre posibilidad de atenci\u00f3n en servicio no incluido en POS \u00a0 PLAN OBLIGATORIO DE SALUD SUBSIDIADO-Instituciones p\u00fablicas o privadas con las cuales el estado tenga contrato \u00a0 Reiteraci\u00f3n de Jurisprudencia \u00a0 Referencia: expediente T-302224 \u00a0 Acci\u00f3n de tutela instaurada por Mar\u00eda Leonor Romero de Hern\u00e1ndez contra CONFAMILIARES A.R.S. \u00a0 Magistrado Ponente: \u00a0 Dr. ALEJANDRO MART\u00cdNEZ CABALLERO \u00a0 Santa Fe de Bogot\u00e1, D.C., a los diecisiete (17) d\u00edas del mes de julio de dos mil (2000). \u00a0 La Sala Sexta de revisi\u00f3n de la Corte Constitucional, en ejercicio de sus competencias constitucionales y legales, en ...<br \/><div class=\"pt-cv-rmwrap\"><a href=\"https:\/\/www.dmsjuridica.com\/buscador_20179478954\/corteconstitucionalcronologico202454587\/t-908-00\/\" class=\"_self pt-cv-readmore btn btn-success\" target=\"_self\">Ver Sentencia Completa...<\/a><\/div><\/div><\/div><\/div>\n<div class=\"col-md-12 col-sm-12 col-xs-12 pt-cv-content-item pt-cv-1-col\" ><div class='pt-cv-ifield'><a href=\"https:\/\/www.dmsjuridica.com\/buscador_20179478954\/corteconstitucionalcronologico202454587\/t-907-00\/\" class=\"_self pt-cv-href-thumbnail pt-cv-thumb-default\" target=\"_self\" ><\/a>\n<div class=\"pt-cv-taxoterm above_title\"><a href='https:\/\/www.dmsjuridica.com\/buscador_20179478954\/corteconstitucionalcronologico202454587\/category\/buscar-en-toda-la-corte\/2000\/tutelas-2000\/' title='Tutelas 2000' class='pt-cv-tax-tutelas-2000'>Tutelas 2000<\/a><\/div>\n<h4 class=\"pt-cv-title\"><a href=\"https:\/\/www.dmsjuridica.com\/buscador_20179478954\/corteconstitucionalcronologico202454587\/t-907-00\/\" class=\"_self\" target=\"_self\" >T-907-00<\/a><\/h4>\n<div class=\"pt-cv-content\">\u00a0 \u00a0 Sentencia T-907\/00 \u00a0 PENSION DE SOBREVIVIENTES-Interrupci\u00f3n que impide continuaci\u00f3n de estudios \u00a0 Reiteraci\u00f3n de Jurisprudencia \u00a0 Referencia: expediente T-302805 \u00a0 Acci\u00f3n de tutela instaurada por Paola Patricia Ru\u00edz Barreto y Mario Alberto Ru\u00edz Barreto contra el Instituto de Seguros Sociales, Seccional Bol\u00edvar. \u00a0 Magistrado Ponente: \u00a0 Dr. ALEJANDRO MART\u00cdNEZ CABALLERO \u00a0 Santa Fe de Bogot\u00e1, D.C., a los diecisiete (17) d\u00edas del mes de julio de dos mil (2000). \u00a0 La Sala Sexta de Revisi\u00f3n de la Corte Constitucional, integrada por los Magistrados doctores Alejandro Mart\u00ednez Caballero, Fabio Mor\u00f3n D\u00edaz y Vladimiro Naranjo Mesa, en ejercicio de sus ...<br \/><div class=\"pt-cv-rmwrap\"><a href=\"https:\/\/www.dmsjuridica.com\/buscador_20179478954\/corteconstitucionalcronologico202454587\/t-907-00\/\" class=\"_self pt-cv-readmore btn btn-success\" target=\"_self\">Ver Sentencia Completa...<\/a><\/div><\/div><\/div><\/div>\n<div class=\"col-md-12 col-sm-12 col-xs-12 pt-cv-content-item pt-cv-1-col\" ><div class='pt-cv-ifield'><a href=\"https:\/\/www.dmsjuridica.com\/buscador_20179478954\/corteconstitucionalcronologico202454587\/t-906-00\/\" class=\"_self pt-cv-href-thumbnail pt-cv-thumb-default\" target=\"_self\" ><\/a>\n<div class=\"pt-cv-taxoterm above_title\"><a href='https:\/\/www.dmsjuridica.com\/buscador_20179478954\/corteconstitucionalcronologico202454587\/category\/buscar-en-toda-la-corte\/2000\/tutelas-2000\/' title='Tutelas 2000' class='pt-cv-tax-tutelas-2000'>Tutelas 2000<\/a><\/div>\n<h4 class=\"pt-cv-title\"><a href=\"https:\/\/www.dmsjuridica.com\/buscador_20179478954\/corteconstitucionalcronologico202454587\/t-906-00\/\" class=\"_self\" target=\"_self\" >T-906-00<\/a><\/h4>\n<div class=\"pt-cv-content\">\u00a0 \u00a0 Sentencia T-906\/00 \u00a0 LICENCIA DE MATERNIDAD-Pago por allanamiento a la mora por EPS \u00a0 Reiteraci\u00f3n de Jurisprudencia \u00a0 Referencia: expediente T-303500 \u00a0 Acci\u00f3n de tutela instaurada por Cecilia Ort\u00edz Afanador contra el Instituto de Seguros Sociales - Seccional Santander-. \u00a0 Magistrado Ponente: \u00a0 Dr. ALEJANDRO MARTINEZ CABALLERO \u00a0 La Sala Sexta de Revisi\u00f3n de la Corte Constitucional, en ejercicio de sus competencias constitucionales y legales, en particular las contenidas en los art\u00edculos 86 y 241, numeral 9, de la Constituci\u00f3n y en el Decreto 2591 de 1991, ha proferido la siguiente \u00a0 SENTENCIA \u00a0 dentro del proceso de ...<br \/><div class=\"pt-cv-rmwrap\"><a href=\"https:\/\/www.dmsjuridica.com\/buscador_20179478954\/corteconstitucionalcronologico202454587\/t-906-00\/\" class=\"_self pt-cv-readmore btn btn-success\" target=\"_self\">Ver Sentencia Completa...<\/a><\/div><\/div><\/div><\/div>\n<div class=\"col-md-12 col-sm-12 col-xs-12 pt-cv-content-item pt-cv-1-col\" ><div class='pt-cv-ifield'><a href=\"https:\/\/www.dmsjuridica.com\/buscador_20179478954\/corteconstitucionalcronologico202454587\/t-905-00\/\" class=\"_self pt-cv-href-thumbnail pt-cv-thumb-default\" target=\"_self\" ><\/a>\n<div class=\"pt-cv-taxoterm above_title\"><a href='https:\/\/www.dmsjuridica.com\/buscador_20179478954\/corteconstitucionalcronologico202454587\/category\/buscar-en-toda-la-corte\/2000\/tutelas-2000\/' title='Tutelas 2000' class='pt-cv-tax-tutelas-2000'>Tutelas 2000<\/a><\/div>\n<h4 class=\"pt-cv-title\"><a href=\"https:\/\/www.dmsjuridica.com\/buscador_20179478954\/corteconstitucionalcronologico202454587\/t-905-00\/\" class=\"_self\" target=\"_self\" >T-905-00<\/a><\/h4>\n<div class=\"pt-cv-content\">\u00a0 \u00a0 Sentencia T-905\/00 \u00a0 DERECHO DE PETICION-Respuesta oportuna y exacta\/DERECHO DE PETICION-T\u00e9rmino para resolver \u00a0 Reiteraci\u00f3n de Jurisprudencia \u00a0 Referencia: expediente T-302718 \u00a0 Acci\u00f3n de tutela instaurada por Mar\u00eda Eugenia Taborda Saldarriaga contra el Instituto de Seguros Sociales, Seccional Antioquia. \u00a0 Magistrado Ponente: \u00a0 Dr. ALEJANDRO MART\u00cdNEZ CABALLERO \u00a0 Santa Fe de Bogot\u00e1, D.C., a los diecisiete (17) d\u00edas del mes de julio de dos mil (2000). \u00a0 La Sala Sexta de Revisi\u00f3n de la Corte Constitucional, integrada por los Magistrados doctores Alejandro Mart\u00ednez Caballero, Fabio Mor\u00f3n D\u00edaz y Vladimiro Naranjo Mesa, en ejercicio de sus competencias constitucionales y ...<br \/><div class=\"pt-cv-rmwrap\"><a href=\"https:\/\/www.dmsjuridica.com\/buscador_20179478954\/corteconstitucionalcronologico202454587\/t-905-00\/\" class=\"_self pt-cv-readmore btn btn-success\" target=\"_self\">Ver Sentencia Completa...<\/a><\/div><\/div><\/div><\/div>\n<div class=\"col-md-12 col-sm-12 col-xs-12 pt-cv-content-item pt-cv-1-col\" ><div class='pt-cv-ifield'><a href=\"https:\/\/www.dmsjuridica.com\/buscador_20179478954\/corteconstitucionalcronologico202454587\/t-904-00\/\" class=\"_self pt-cv-href-thumbnail pt-cv-thumb-default\" target=\"_self\" ><\/a>\n<div class=\"pt-cv-taxoterm above_title\"><a href='https:\/\/www.dmsjuridica.com\/buscador_20179478954\/corteconstitucionalcronologico202454587\/category\/buscar-en-toda-la-corte\/2000\/tutelas-2000\/' title='Tutelas 2000' class='pt-cv-tax-tutelas-2000'>Tutelas 2000<\/a><\/div>\n<h4 class=\"pt-cv-title\"><a href=\"https:\/\/www.dmsjuridica.com\/buscador_20179478954\/corteconstitucionalcronologico202454587\/t-904-00\/\" class=\"_self\" target=\"_self\" >T-904-00<\/a><\/h4>\n<div class=\"pt-cv-content\">\u00a0 \u00a0 Sentencia T-904\/00 \u00a0 EMPLEADOR-Mora de aportes en salud\/EMPLEADOR-Asunci\u00f3n de responsabilidad por mora en aportes en salud \u00a0 Reiteraci\u00f3n de Jurisprudencia \u00a0 Referencia: expediente T-302803 \u00a0 Acci\u00f3n de tutela instaurada por por Debora Rodelo Rodelo contra el Instituto de Seguros Sociales E.P.S. \u00a0 Magistrado ponente: \u00a0 Dr. ALEJANDRO MART\u00cdNEZ CABALLERO \u00a0 Santaf\u00e9 Bogot\u00e1 D.C., a los diecisiete \u00a0 \u00a0 \u00a0 \u00a0(17) d\u00edas del mes julio de dos mil (2000). \u00a0 La Sala Sexta de Revisi\u00f3n de la Corte Constitucional, integrada por los Magistrados doctores Alejandro Mart\u00ednez Caballero, Fabio Mor\u00f3n D\u00edaz y Vladimiro Naranjo Mesa, en ejercicio de sus competencias ...<br \/><div class=\"pt-cv-rmwrap\"><a href=\"https:\/\/www.dmsjuridica.com\/buscador_20179478954\/corteconstitucionalcronologico202454587\/t-904-00\/\" class=\"_self pt-cv-readmore btn btn-success\" target=\"_self\">Ver Sentencia Completa...<\/a><\/div><\/div><\/div><\/div>\n<div class=\"col-md-12 col-sm-12 col-xs-12 pt-cv-content-item pt-cv-1-col\" ><div class='pt-cv-ifield'><a href=\"https:\/\/www.dmsjuridica.com\/buscador_20179478954\/corteconstitucionalcronologico202454587\/t-903-00\/\" class=\"_self pt-cv-href-thumbnail pt-cv-thumb-default\" target=\"_self\" ><\/a>\n<div class=\"pt-cv-taxoterm above_title\"><a href='https:\/\/www.dmsjuridica.com\/buscador_20179478954\/corteconstitucionalcronologico202454587\/category\/buscar-en-toda-la-corte\/2000\/tutelas-2000\/' title='Tutelas 2000' class='pt-cv-tax-tutelas-2000'>Tutelas 2000<\/a><\/div>\n<h4 class=\"pt-cv-title\"><a href=\"https:\/\/www.dmsjuridica.com\/buscador_20179478954\/corteconstitucionalcronologico202454587\/t-903-00\/\" class=\"_self\" target=\"_self\" >T-903-00<\/a><\/h4>\n<div class=\"pt-cv-content\">\u00a0 \u00a0 Sentencia T-903\/00 \u00a0 PLAN OBLIGATORIO DE SALUD-Mora en el pago de aportes da lugar a la suspensi\u00f3n de servicios por EPS \u00a0 ACCION DE TUTELA-Improcedencia por no afiliaci\u00f3n a EPS \u00a0 Reiteraci\u00f3n de Jurisprudencia \u00a0 Referencia: expediente T-304462 \u00a0 Acci\u00f3n de tutela instaurada por Gustavo Pardo contra el Instituto de Seguros Sociales E.P.S. \u00a0 Magistrado Ponente: \u00a0 Dr. ALEJANDRO MART\u00cdNEZ CABALLERO \u00a0 Santaf\u00e9 Bogot\u00e1 D.C., a los diecisiete (17) d\u00edas del mes julio de dos mil (2000). \u00a0 La Sala Sexta de Revisi\u00f3n de la Corte Constitucional, integrada por los Magistrados doctores Alejandro Mart\u00ednez Caballero, Fabio Mor\u00f3n D\u00edaz ...<br \/><div class=\"pt-cv-rmwrap\"><a href=\"https:\/\/www.dmsjuridica.com\/buscador_20179478954\/corteconstitucionalcronologico202454587\/t-903-00\/\" class=\"_self pt-cv-readmore btn btn-success\" target=\"_self\">Ver Sentencia Completa...<\/a><\/div><\/div><\/div><\/div>\n<div class=\"col-md-12 col-sm-12 col-xs-12 pt-cv-content-item pt-cv-1-col\" ><div class='pt-cv-ifield'><a href=\"https:\/\/www.dmsjuridica.com\/buscador_20179478954\/corteconstitucionalcronologico202454587\/t-902-00\/\" class=\"_self pt-cv-href-thumbnail pt-cv-thumb-default\" target=\"_self\" ><\/a>\n<div class=\"pt-cv-taxoterm above_title\"><a href='https:\/\/www.dmsjuridica.com\/buscador_20179478954\/corteconstitucionalcronologico202454587\/category\/buscar-en-toda-la-corte\/2000\/tutelas-2000\/' title='Tutelas 2000' class='pt-cv-tax-tutelas-2000'>Tutelas 2000<\/a><\/div>\n<h4 class=\"pt-cv-title\"><a href=\"https:\/\/www.dmsjuridica.com\/buscador_20179478954\/corteconstitucionalcronologico202454587\/t-902-00\/\" class=\"_self\" target=\"_self\" >T-902-00<\/a><\/h4>\n<div class=\"pt-cv-content\">\u00a0 \u00a0 Sentencia T-902\/00 \u00a0 MUJER TRABAJADORA EMBARAZADA-Estabilidad laboral\/DESPIDO DE MUJER EMBARAZADA SIN AUTORIZACION PREVIA-Reintegro al cargo \u00a0 Reiteraci\u00f3n de Jurisprudencia \u00a0 Referencia: expediente T-303331 \u00a0 Acci\u00f3n de tutela instaurada por Dignora Mar\u00eda Henao Alvarez. \u00a0 Magistrado Ponente: \u00a0 Dr. ALEJANDRO MARTINEZ CABALLERO \u00a0 Santa Fe de Bogot\u00e1, D.C. a los diecisiete (17) d\u00edas del mes de julio de dos mil (2000). \u00a0 La Sala Sexta de Revisi\u00f3n de la Corte Constitucional, en ejercicio de sus competencias constitucionales y legales, en particular las contenidas en los art\u00edculos 86 y 241, numeral 9, de la Constituci\u00f3n y en el Decreto 2591 ...<br \/><div class=\"pt-cv-rmwrap\"><a href=\"https:\/\/www.dmsjuridica.com\/buscador_20179478954\/corteconstitucionalcronologico202454587\/t-902-00\/\" class=\"_self pt-cv-readmore btn btn-success\" target=\"_self\">Ver Sentencia Completa...<\/a><\/div><\/div><\/div><\/div>\n<div class=\"col-md-12 col-sm-12 col-xs-12 pt-cv-content-item pt-cv-1-col\" ><div class='pt-cv-ifield'><a href=\"https:\/\/www.dmsjuridica.com\/buscador_20179478954\/corteconstitucionalcronologico202454587\/t-901-00\/\" class=\"_self pt-cv-href-thumbnail pt-cv-thumb-default\" target=\"_self\" ><\/a>\n<div class=\"pt-cv-taxoterm above_title\"><a href='https:\/\/www.dmsjuridica.com\/buscador_20179478954\/corteconstitucionalcronologico202454587\/category\/buscar-en-toda-la-corte\/2000\/tutelas-2000\/' title='Tutelas 2000' class='pt-cv-tax-tutelas-2000'>Tutelas 2000<\/a><\/div>\n<h4 class=\"pt-cv-title\"><a href=\"https:\/\/www.dmsjuridica.com\/buscador_20179478954\/corteconstitucionalcronologico202454587\/t-901-00\/\" class=\"_self\" target=\"_self\" >T-901-00<\/a><\/h4>\n<div class=\"pt-cv-content\">\u00a0 \u00a0 Sentencia T-901\/00 \u00a0 MEDIO DE DEFENSA JUDICIAL-Pago de acreencias laborales \u00a0 DERECHO AL MINIMO VITAL-Prueba de la amenaza \u00a0 Reiteraci\u00f3n de Jurisprudencia \u00a0 Referencia: expediente T-303781 \u00a0 Acci\u00f3n de tutela instaurada por Elizabeth Mu\u00f1oz G\u00f3mez contra Inversiones Garc\u00eda R\u00edos Ltda. \u00a0 Magistrado Ponente: \u00a0 Dr. ALEJANDRO MARTINEZ CABALLERO \u00a0 Santa Fe de Bogot\u00e1, D.C. a los diecisiete (17) d\u00edas del mes de julio de dos mil (2000). \u00a0 La Sala Sexta de Revisi\u00f3n de la Corte Constitucional, en ejercicio de sus competencias constitucionales y legales, en particular las contenidas en los art\u00edculos 86 y 241, numeral 9, de ...<br \/><div class=\"pt-cv-rmwrap\"><a href=\"https:\/\/www.dmsjuridica.com\/buscador_20179478954\/corteconstitucionalcronologico202454587\/t-901-00\/\" class=\"_self pt-cv-readmore btn btn-success\" target=\"_self\">Ver Sentencia Completa...<\/a><\/div><\/div><\/div><\/div>\n<div class=\"col-md-12 col-sm-12 col-xs-12 pt-cv-content-item pt-cv-1-col\" ><div class='pt-cv-ifield'><a href=\"https:\/\/www.dmsjuridica.com\/buscador_20179478954\/corteconstitucionalcronologico202454587\/t-900-00\/\" class=\"_self pt-cv-href-thumbnail pt-cv-thumb-default\" target=\"_self\" ><\/a>\n<div class=\"pt-cv-taxoterm above_title\"><a href='https:\/\/www.dmsjuridica.com\/buscador_20179478954\/corteconstitucionalcronologico202454587\/category\/buscar-en-toda-la-corte\/2000\/tutelas-2000\/' title='Tutelas 2000' class='pt-cv-tax-tutelas-2000'>Tutelas 2000<\/a><\/div>\n<h4 class=\"pt-cv-title\"><a href=\"https:\/\/www.dmsjuridica.com\/buscador_20179478954\/corteconstitucionalcronologico202454587\/t-900-00\/\" class=\"_self\" target=\"_self\" >T-900-00<\/a><\/h4>\n<div class=\"pt-cv-content\">\u00a0 \u00a0 Sentencia T-900\/00 \u00a0 DERECHO A LA ESTABILIDAD LABORAL REFORZADA DE MUJER EMBARAZADA-Pago oportuno de remuneraci\u00f3n o subsidio legal por afectaci\u00f3n del m\u00ednimo vital \u00a0 ACCION DE TUTELA TRANSITORIA-Pago de indemnizaci\u00f3n y salarios a trabajadora embarazada despedida \u00a0 Reiteraci\u00f3n de Jurisprudencia \u00a0 Referencia: expediente T-303066 \u00a0 Acci\u00f3n de tutela instaurada por Luz Dary Garc\u00eda Rodr\u00edguez contra Hern\u00e1n Alfonso Rodr\u00edguez Blanco. \u00a0 Magistrado Ponente: \u00a0 Dr. ALEJANDRO MARTINEZ CABALLERO \u00a0 Santa Fe de Bogot\u00e1, D.C. a los diecisiete (17) d\u00edas del mes de julio de dos mil (2000). \u00a0 La Sala Sexta de Revisi\u00f3n de la Corte Constitucional, en ejercicio ...<br \/><div class=\"pt-cv-rmwrap\"><a href=\"https:\/\/www.dmsjuridica.com\/buscador_20179478954\/corteconstitucionalcronologico202454587\/t-900-00\/\" class=\"_self pt-cv-readmore btn btn-success\" target=\"_self\">Ver Sentencia Completa...<\/a><\/div><\/div><\/div><\/div>\n<div class=\"col-md-12 col-sm-12 col-xs-12 pt-cv-content-item pt-cv-1-col\" ><div class='pt-cv-ifield'><a href=\"https:\/\/www.dmsjuridica.com\/buscador_20179478954\/corteconstitucionalcronologico202454587\/t-899-00\/\" class=\"_self pt-cv-href-thumbnail pt-cv-thumb-default\" target=\"_self\" ><\/a>\n<div class=\"pt-cv-taxoterm above_title\"><a href='https:\/\/www.dmsjuridica.com\/buscador_20179478954\/corteconstitucionalcronologico202454587\/category\/buscar-en-toda-la-corte\/2000\/tutelas-2000\/' title='Tutelas 2000' class='pt-cv-tax-tutelas-2000'>Tutelas 2000<\/a><\/div>\n<h4 class=\"pt-cv-title\"><a href=\"https:\/\/www.dmsjuridica.com\/buscador_20179478954\/corteconstitucionalcronologico202454587\/t-899-00\/\" class=\"_self\" target=\"_self\" >T-899-00<\/a><\/h4>\n<div class=\"pt-cv-content\">\u00a0 \u00a0 Sentencia T-899\/00 \u00a0 DERECHO A LA ESTABILIDAD LABORAL REFORZADA DE MUJER EMBARAZADA-Protecci\u00f3n constitucional \u00a0 DERECHO AL MINIMO VITAL DE MUJER EMBARAZADA-Prueba de la amenaza \u00a0 Referencia: expediente T-302476 \u00a0 Acci\u00f3n de tutela instaurada por Dora In\u00e9s Gamba Gambasica contra Promociones Temporales S.A. \u00a0 Magistrado Ponente: \u00a0 Dr. ALEJANDRO MARTINEZ CABALLERO \u00a0 Santa Fe de Bogot\u00e1, D.C. a los diecisiete (17) d\u00edas del mes de julio de dos mil (2000). \u00a0 La Sala Sexta de Revisi\u00f3n de la Corte Constitucional, en ejercicio de sus competencias constitucionales y legales, en particular las contenidas en los art\u00edculos 86 y 241, numeral ...<br \/><div class=\"pt-cv-rmwrap\"><a href=\"https:\/\/www.dmsjuridica.com\/buscador_20179478954\/corteconstitucionalcronologico202454587\/t-899-00\/\" class=\"_self pt-cv-readmore btn btn-success\" target=\"_self\">Ver Sentencia Completa...<\/a><\/div><\/div><\/div><\/div>\n<div class=\"col-md-12 col-sm-12 col-xs-12 pt-cv-content-item pt-cv-1-col\" ><div class='pt-cv-ifield'><a href=\"https:\/\/www.dmsjuridica.com\/buscador_20179478954\/corteconstitucionalcronologico202454587\/t-898-00\/\" class=\"_self pt-cv-href-thumbnail pt-cv-thumb-default\" target=\"_self\" ><\/a>\n<div class=\"pt-cv-taxoterm above_title\"><a href='https:\/\/www.dmsjuridica.com\/buscador_20179478954\/corteconstitucionalcronologico202454587\/category\/buscar-en-toda-la-corte\/2000\/tutelas-2000\/' title='Tutelas 2000' class='pt-cv-tax-tutelas-2000'>Tutelas 2000<\/a><\/div>\n<h4 class=\"pt-cv-title\"><a href=\"https:\/\/www.dmsjuridica.com\/buscador_20179478954\/corteconstitucionalcronologico202454587\/t-898-00\/\" class=\"_self\" target=\"_self\" >T-898-00<\/a><\/h4>\n<div class=\"pt-cv-content\">\u00a0 \u00a0 Sentencia T-898\/00 \u00a0 ACCION DE TUTELA CONTRA PARTICULARES-Subordinaci\u00f3n \u00a0 ACCION DE TUTELA-Procedencia excepcional pago de acreencias laborales \u00a0 DERECHO AL PAGO OPORTUNO DEL SALARIO-Fundamental \u00a0 DERECHO AL MINIMO VITAL DEL TRABAJADOR-Pago oportuno de salarios\/EMPLEADOR-Mora de aportes en salud \u00a0 EMPLEADOR-Asunci\u00f3n de responsabilidad por mora en aportes en salud \u00a0 Reiteraci\u00f3n de Jurisprudencia \u00a0 Referencia: expediente T-304149 \u00a0 Acciones de tutela instauradas por H\u00e9ctor Hugo Amaya Herrera, Orlando Guti\u00e9rrez, Ferney Hernando Rey Alejo y Rub\u00e9n Dario Rayo Cortes contra la empresa Materiales del Salto Ltda. \u00a0 Magistrado Ponente: \u00a0 Dr. ALEJANDRO MART\u00cdNEZ CABALLERO \u00a0 Santaf\u00e9 Bogot\u00e1 D.C., a los ...<br \/><div class=\"pt-cv-rmwrap\"><a href=\"https:\/\/www.dmsjuridica.com\/buscador_20179478954\/corteconstitucionalcronologico202454587\/t-898-00\/\" class=\"_self pt-cv-readmore btn btn-success\" target=\"_self\">Ver Sentencia Completa...<\/a><\/div><\/div><\/div><\/div>\n<div class=\"col-md-12 col-sm-12 col-xs-12 pt-cv-content-item pt-cv-1-col\" ><div class='pt-cv-ifield'><a href=\"https:\/\/www.dmsjuridica.com\/buscador_20179478954\/corteconstitucionalcronologico202454587\/t-897-00\/\" class=\"_self pt-cv-href-thumbnail pt-cv-thumb-default\" target=\"_self\" ><\/a>\n<div class=\"pt-cv-taxoterm above_title\"><a href='https:\/\/www.dmsjuridica.com\/buscador_20179478954\/corteconstitucionalcronologico202454587\/category\/buscar-en-toda-la-corte\/2000\/tutelas-2000\/' title='Tutelas 2000' class='pt-cv-tax-tutelas-2000'>Tutelas 2000<\/a><\/div>\n<h4 class=\"pt-cv-title\"><a href=\"https:\/\/www.dmsjuridica.com\/buscador_20179478954\/corteconstitucionalcronologico202454587\/t-897-00\/\" class=\"_self\" target=\"_self\" >T-897-00<\/a><\/h4>\n<div class=\"pt-cv-content\">\u00a0 \u00a0 Sentencia T-897\/00 \u00a0 ACCION DE TUTELA-Procedencia excepcional pago de salarios \u00a0 DERECHO AL PAGO OPORTUNO DEL SALARIO-Fundamental \u00a0 SALARIO-Cesaci\u00f3n de pagos indefinidamente repercute en la familia \u00a0 Reiteraci\u00f3n de Jurisprudencia \u00a0 Referencia: expedientes T-299343 y T-302623. \u00a0 Acci\u00f3n de tutela instaurada por Juli\u00e1n Salvador Camargo Anchila y William L\u00f3pez Campo contra Municipio de Ci\u00e9naga (Magdalena). \u00a0 Magistrado Ponente: \u00a0 Dr. ALEJANDRO MART\u00cdNEZ CABALLERO \u00a0 Santa Fe de Bogot\u00e1 D.C., a los diecisiete (17) d\u00edas del mes julio de dos mil (2000). \u00a0 La Sala Sexta de Revisi\u00f3n de la Corte Constitucional, integrada por los Magistrados doctores Alejandro Mart\u00ednez ...<br \/><div class=\"pt-cv-rmwrap\"><a href=\"https:\/\/www.dmsjuridica.com\/buscador_20179478954\/corteconstitucionalcronologico202454587\/t-897-00\/\" class=\"_self pt-cv-readmore btn btn-success\" target=\"_self\">Ver Sentencia Completa...<\/a><\/div><\/div><\/div><\/div>\n<div class=\"col-md-12 col-sm-12 col-xs-12 pt-cv-content-item pt-cv-1-col\" ><div class='pt-cv-ifield'><a href=\"https:\/\/www.dmsjuridica.com\/buscador_20179478954\/corteconstitucionalcronologico202454587\/t-896-00\/\" class=\"_self pt-cv-href-thumbnail pt-cv-thumb-default\" target=\"_self\" ><\/a>\n<div class=\"pt-cv-taxoterm above_title\"><a href='https:\/\/www.dmsjuridica.com\/buscador_20179478954\/corteconstitucionalcronologico202454587\/category\/buscar-en-toda-la-corte\/2000\/tutelas-2000\/' title='Tutelas 2000' class='pt-cv-tax-tutelas-2000'>Tutelas 2000<\/a><\/div>\n<h4 class=\"pt-cv-title\"><a href=\"https:\/\/www.dmsjuridica.com\/buscador_20179478954\/corteconstitucionalcronologico202454587\/t-896-00\/\" class=\"_self\" target=\"_self\" >T-896-00<\/a><\/h4>\n<div class=\"pt-cv-content\">\u00a0 \u00a0 Sentencia T-896\/00 \u00a0 ACCION DE TUTELA-Procedencia excepcional pago de acreencias laborales\/ACCION DE TUTELA-Improcedencia por no demostraci\u00f3n de afectaci\u00f3n del m\u00ednimo vital \u00a0 Reiteraci\u00f3n de Jurisprudencia \u00a0 Referencia: expediente T-302936 \u00a0 Acci\u00f3n de tutela instaurada por Ligia del Socorro Henao Zapata contra Alcalde Municipal de Girardota (Antioquia). \u00a0 Magistrado Ponente: \u00a0 Dr. ALEJANDRO MART\u00cdNEZ CABALLERO\u00a0 \u00a0 Santa Fe de Bogot\u00e1 D.C., a los diecisiete (17) d\u00edas del mes de julio de dos mil (2000). \u00a0 La Sala Sexta de Revisi\u00f3n de la Corte Constitucional, integrada por los Magistrado doctores Alejandro Mart\u00ednez Caballero, Fabio Mor\u00f3n D\u00edaz y Vladimiro Naranjo Mesa, ...<br \/><div class=\"pt-cv-rmwrap\"><a href=\"https:\/\/www.dmsjuridica.com\/buscador_20179478954\/corteconstitucionalcronologico202454587\/t-896-00\/\" class=\"_self pt-cv-readmore btn btn-success\" target=\"_self\">Ver Sentencia Completa...<\/a><\/div><\/div><\/div><\/div>\n<div class=\"col-md-12 col-sm-12 col-xs-12 pt-cv-content-item pt-cv-1-col\" ><div class='pt-cv-ifield'><a href=\"https:\/\/www.dmsjuridica.com\/buscador_20179478954\/corteconstitucionalcronologico202454587\/t-895-00\/\" class=\"_self pt-cv-href-thumbnail pt-cv-thumb-default\" target=\"_self\" ><\/a>\n<div class=\"pt-cv-taxoterm above_title\"><a href='https:\/\/www.dmsjuridica.com\/buscador_20179478954\/corteconstitucionalcronologico202454587\/category\/buscar-en-toda-la-corte\/2000\/tutelas-2000\/' title='Tutelas 2000' class='pt-cv-tax-tutelas-2000'>Tutelas 2000<\/a><\/div>\n<h4 class=\"pt-cv-title\"><a href=\"https:\/\/www.dmsjuridica.com\/buscador_20179478954\/corteconstitucionalcronologico202454587\/t-895-00\/\" class=\"_self\" target=\"_self\" >T-895-00<\/a><\/h4>\n<div class=\"pt-cv-content\">\u00a0 \u00a0 Sentencia T-895\/00 \u00a0 ACCION DE TUTELA-Procedencia excepcional pago de acreencias laborales \u00a0 DERECHO AL PAGO OPORTUNO DEL SALARIO-Fundamental\/DERECHO AL MINIMO VITAL DEL TRABAJADOR-Pago oportuno de salarios \u00a0 ENTIDADES TERRITORIALES-Situaci\u00f3n econ\u00f3mica o presupuestal no es \u00f3bice para desconocer obligaciones laborales \u00a0 Referencia: expediente T-302454. \u00a0 Acci\u00f3n de tutela instaurada por Teodoro Villanueva Montealegre contra la Alcald\u00eda Municipal del Guamo, Tolima. \u00a0 Magistrado Ponente: \u00a0 Dr. ALEJANDRO MARTINEZ CABALLERO \u00a0 Aprobada en Santa Fe de Bogot\u00e1 D.C., a los diecisiete (17) d\u00edas del mes julio de dos mil (2000). \u00a0 La Sala Sexta de Revisi\u00f3n de la Corte Constitucional, integrada ...<br \/><div class=\"pt-cv-rmwrap\"><a href=\"https:\/\/www.dmsjuridica.com\/buscador_20179478954\/corteconstitucionalcronologico202454587\/t-895-00\/\" class=\"_self pt-cv-readmore btn btn-success\" target=\"_self\">Ver Sentencia Completa...<\/a><\/div><\/div><\/div><\/div>\n<div class=\"col-md-12 col-sm-12 col-xs-12 pt-cv-content-item pt-cv-1-col\" ><div class='pt-cv-ifield'><a href=\"https:\/\/www.dmsjuridica.com\/buscador_20179478954\/corteconstitucionalcronologico202454587\/t-894-00\/\" class=\"_self pt-cv-href-thumbnail pt-cv-thumb-default\" target=\"_self\" ><\/a>\n<div class=\"pt-cv-taxoterm above_title\"><a href='https:\/\/www.dmsjuridica.com\/buscador_20179478954\/corteconstitucionalcronologico202454587\/category\/buscar-en-toda-la-corte\/2000\/tutelas-2000\/' title='Tutelas 2000' class='pt-cv-tax-tutelas-2000'>Tutelas 2000<\/a><\/div>\n<h4 class=\"pt-cv-title\"><a href=\"https:\/\/www.dmsjuridica.com\/buscador_20179478954\/corteconstitucionalcronologico202454587\/t-894-00\/\" class=\"_self\" target=\"_self\" >T-894-00<\/a><\/h4>\n<div class=\"pt-cv-content\">\u00a0 \u00a0 Sentencia T-894\/00 \u00a0 ACCION DE TUTELA-Procedencia excepcional pago de salarios \u00a0 DERECHO AL PAGO OPORTUNO DEL SALARIO-Fundamental \u00a0 DERECHO AL MINIMO VITAL DEL TRABAJADOR-Pago oportuno de salarios \u00a0 Reiteraci\u00f3n de Jurisprudencia \u00a0 Referencia: expediente T-303000. \u00a0 Acci\u00f3n de tutela instaurada por Jairo Albier Gaviria Berr\u00edo contra el Alcalde Municipal de Palmira, Valle y el Director de la Casa de la Cultura \u201cRicardo Nieto\u201d de Palmira. \u00a0 Magistrado Ponente: \u00a0 Dr. ALEJANDRO MART\u00cdNEZ CABALLERO \u00a0 Santa Fe de Bogot\u00e1 D.C., a los diecisiete (17) d\u00edas del mes julio de dos mil (2000). \u00a0 La Sala Sexta de Revisi\u00f3n de ...<br \/><div class=\"pt-cv-rmwrap\"><a href=\"https:\/\/www.dmsjuridica.com\/buscador_20179478954\/corteconstitucionalcronologico202454587\/t-894-00\/\" class=\"_self pt-cv-readmore btn btn-success\" target=\"_self\">Ver Sentencia Completa...<\/a><\/div><\/div><\/div><\/div>\n<div class=\"col-md-12 col-sm-12 col-xs-12 pt-cv-content-item pt-cv-1-col\" ><div class='pt-cv-ifield'><a href=\"https:\/\/www.dmsjuridica.com\/buscador_20179478954\/corteconstitucionalcronologico202454587\/t-893-00\/\" class=\"_self pt-cv-href-thumbnail pt-cv-thumb-default\" target=\"_self\" ><\/a>\n<div class=\"pt-cv-taxoterm above_title\"><a href='https:\/\/www.dmsjuridica.com\/buscador_20179478954\/corteconstitucionalcronologico202454587\/category\/buscar-en-toda-la-corte\/2000\/tutelas-2000\/' title='Tutelas 2000' class='pt-cv-tax-tutelas-2000'>Tutelas 2000<\/a><\/div>\n<h4 class=\"pt-cv-title\"><a href=\"https:\/\/www.dmsjuridica.com\/buscador_20179478954\/corteconstitucionalcronologico202454587\/t-893-00\/\" class=\"_self\" target=\"_self\" >T-893-00<\/a><\/h4>\n<div class=\"pt-cv-content\">\u00a0 \u00a0 Sentencia T-893\/00 \u00a0 DERECHOS DEL NI\u00d1O-Protecci\u00f3n en la normatividad internacional \u00a0 HOGAR SUSTITUTO-Colocaci\u00f3n familiar provisional \u00a0 En Colombia, el hogar sustituto es una colocaci\u00f3n familiar, provisional, mientras se adelanta el proceso administrativo (art. 37 del C\u00f3digo del Menor) y luego, temporal (por seis meses prorrogables, art.74 del citado C\u00f3digo). No es, una situaci\u00f3n definitiva. Esta temporalidad tiene sentido porque est\u00e1 \u00edntimamente ligada a los afectos que puede generar una colocaci\u00f3n extendida a trav\u00e9s de los a\u00f1os. Es decir que, los hogares sustitutos reemplazan moment\u00e1neamente a la que ha sido o debiera ser la familia definitiva. \u00a0 HOGAR SUSTITUTO-T\u00e9rmino ...<br \/><div class=\"pt-cv-rmwrap\"><a href=\"https:\/\/www.dmsjuridica.com\/buscador_20179478954\/corteconstitucionalcronologico202454587\/t-893-00\/\" class=\"_self pt-cv-readmore btn btn-success\" target=\"_self\">Ver Sentencia Completa...<\/a><\/div><\/div><\/div><\/div>\n<div class=\"col-md-12 col-sm-12 col-xs-12 pt-cv-content-item pt-cv-1-col\" ><div class='pt-cv-ifield'><a href=\"https:\/\/www.dmsjuridica.com\/buscador_20179478954\/corteconstitucionalcronologico202454587\/t-892-00\/\" class=\"_self pt-cv-href-thumbnail pt-cv-thumb-default\" target=\"_self\" ><\/a>\n<div class=\"pt-cv-taxoterm above_title\"><a href='https:\/\/www.dmsjuridica.com\/buscador_20179478954\/corteconstitucionalcronologico202454587\/category\/buscar-en-toda-la-corte\/2000\/tutelas-2000\/' title='Tutelas 2000' class='pt-cv-tax-tutelas-2000'>Tutelas 2000<\/a><\/div>\n<h4 class=\"pt-cv-title\"><a href=\"https:\/\/www.dmsjuridica.com\/buscador_20179478954\/corteconstitucionalcronologico202454587\/t-892-00\/\" class=\"_self\" target=\"_self\" >T-892-00<\/a><\/h4>\n<div class=\"pt-cv-content\">\u00a0 \u00a0 Sentencia T-892\/00 \u00a0 Referencia: expedientes T-307001, 307002, 307003, 307049, \u00a0307050, 307350. \u00a0 \u00a0 \u00a0 Acciones de tutelas instauradas por los solicitantes: H\u00e9ctor Pombo Hern\u00e1ndez, Carlos Camargo Guzm\u00e1n, Majibe Maloof Montes, \u00a0 Yadira de Jes\u00fas Pineda Lastre, Judith Elena Mel\u00e9ndez Manzur, Nancy Potes Ulloque contra la Universidad del Atl\u00e1ntico. \u00a0 Procedencia: Juzgados 1\u00b0 y \u00a09\u00b0 Civil del Circuito de Barranquilla\u00a0 \u00a0 Magistrado Ponente: \u00a0 Dr. ALEJANDRO MARTINEZ CABALLERO \u00a0 Santa Fe de Bogot\u00e1, D.C., diecisiete (17) de julio del dos mil (2.000). \u00a0 La Sala Sexta de Revisi\u00f3n de la Corte Constitucional, integrada por los Magistrados doctores Alejandro Mart\u00ednez ...<br \/><div class=\"pt-cv-rmwrap\"><a href=\"https:\/\/www.dmsjuridica.com\/buscador_20179478954\/corteconstitucionalcronologico202454587\/t-892-00\/\" class=\"_self pt-cv-readmore btn btn-success\" target=\"_self\">Ver Sentencia Completa...<\/a><\/div><\/div><\/div><\/div>\n<div class=\"col-md-12 col-sm-12 col-xs-12 pt-cv-content-item pt-cv-1-col\" ><div class='pt-cv-ifield'><a href=\"https:\/\/www.dmsjuridica.com\/buscador_20179478954\/corteconstitucionalcronologico202454587\/t-891-00\/\" class=\"_self pt-cv-href-thumbnail pt-cv-thumb-default\" target=\"_self\" ><\/a>\n<div class=\"pt-cv-taxoterm above_title\"><a href='https:\/\/www.dmsjuridica.com\/buscador_20179478954\/corteconstitucionalcronologico202454587\/category\/buscar-en-toda-la-corte\/2000\/tutelas-2000\/' title='Tutelas 2000' class='pt-cv-tax-tutelas-2000'>Tutelas 2000<\/a><\/div>\n<h4 class=\"pt-cv-title\"><a href=\"https:\/\/www.dmsjuridica.com\/buscador_20179478954\/corteconstitucionalcronologico202454587\/t-891-00\/\" class=\"_self\" target=\"_self\" >T-891-00<\/a><\/h4>\n<div class=\"pt-cv-content\">\u00a0 \u00a0 Sentencia T-891\/00 \u00a0 ACCION DE TUTELA-Procedencia excepcional pago de salarios\/DERECHO AL PAGO OPORTUNO DEL SALARIO-Fundamental \u00a0 DERECHO AL MINIMO VITAL DEL TRABAJADOR-Pago oportuno de salarios \u00a0 Referencia: expedientes T- 307564 \u00a0 \u00a0 \u00a0 Acciones de tutela instauradas por Educaris Salinas contra Municipio de Mariquita \u00a0 Procedencia: Juez 2\u00b0 Promiscuo Municipal de Mariquita \u00a0 Magistrado Ponente: \u00a0 Dr. ALEJANDRO MARTINEZ CABALLERO \u00a0 Santa Fe de Bogot\u00e1, D.C., diecisiete (17) de julio del dos mil (2.000). \u00a0 La Sala Sexta de Revisi\u00f3n de la Corte Constitucional, integrada por los Magistrados doctores Alejandro Mart\u00ednez Caballero, Fabio Mor\u00f3n D\u00edaz y Vladimiro Naranjo ...<br \/><div class=\"pt-cv-rmwrap\"><a href=\"https:\/\/www.dmsjuridica.com\/buscador_20179478954\/corteconstitucionalcronologico202454587\/t-891-00\/\" class=\"_self pt-cv-readmore btn btn-success\" target=\"_self\">Ver Sentencia Completa...<\/a><\/div><\/div><\/div><\/div>\n<div class=\"col-md-12 col-sm-12 col-xs-12 pt-cv-content-item pt-cv-1-col\" ><div class='pt-cv-ifield'><a href=\"https:\/\/www.dmsjuridica.com\/buscador_20179478954\/corteconstitucionalcronologico202454587\/t-890-00\/\" class=\"_self pt-cv-href-thumbnail pt-cv-thumb-default\" target=\"_self\" ><\/a>\n<div class=\"pt-cv-taxoterm above_title\"><a href='https:\/\/www.dmsjuridica.com\/buscador_20179478954\/corteconstitucionalcronologico202454587\/category\/buscar-en-toda-la-corte\/2000\/tutelas-2000\/' title='Tutelas 2000' class='pt-cv-tax-tutelas-2000'>Tutelas 2000<\/a><\/div>\n<h4 class=\"pt-cv-title\"><a href=\"https:\/\/www.dmsjuridica.com\/buscador_20179478954\/corteconstitucionalcronologico202454587\/t-890-00\/\" class=\"_self\" target=\"_self\" >T-890-00<\/a><\/h4>\n<div class=\"pt-cv-content\">\u00a0 \u00a0 Sentencia T-890\/00 \u00a0 PRINCIPIO DE PRIMACIA DE REALIDAD SOBRE FORMALIDADES ESTABLECIDAS POR SUJETOS DE RELACIONES CONTRACTUALES \u00a0 CONTRATO DE TRABAJO Y CONTRATO DE PRESTACION DE SERVICIOS-Diferencia lo determina elemento de subordinaci\u00f3n \u00a0 CONTRATO DE PRESTACION DE SERVICIOS DE DOCENTES-Subordinaci\u00f3n \u00a0 En el presente caso, la subordinaci\u00f3n de los docentes a su empleador es tan clara que incluso, al certificar la existencia del contrato de prestaci\u00f3n de servicios, la Directora del N\u00facleo educativo, pr\u00e1cticamente lo reconoce al indicar, en relaci\u00f3n con cada peticionario, que \u201clabor\u00f3 \u00a0ininterrumpidamente hasta el 30 de julio del presente a\u00f1o, fecha en que se declar\u00f3 ...<br \/><div class=\"pt-cv-rmwrap\"><a href=\"https:\/\/www.dmsjuridica.com\/buscador_20179478954\/corteconstitucionalcronologico202454587\/t-890-00\/\" class=\"_self pt-cv-readmore btn btn-success\" target=\"_self\">Ver Sentencia Completa...<\/a><\/div><\/div><\/div><\/div>\n<div class=\"col-md-12 col-sm-12 col-xs-12 pt-cv-content-item pt-cv-1-col\" ><div class='pt-cv-ifield'><a href=\"https:\/\/www.dmsjuridica.com\/buscador_20179478954\/corteconstitucionalcronologico202454587\/t-889-00\/\" class=\"_self pt-cv-href-thumbnail pt-cv-thumb-default\" target=\"_self\" ><\/a>\n<div class=\"pt-cv-taxoterm above_title\"><a href='https:\/\/www.dmsjuridica.com\/buscador_20179478954\/corteconstitucionalcronologico202454587\/category\/buscar-en-toda-la-corte\/2000\/tutelas-2000\/' title='Tutelas 2000' class='pt-cv-tax-tutelas-2000'>Tutelas 2000<\/a><\/div>\n<h4 class=\"pt-cv-title\"><a href=\"https:\/\/www.dmsjuridica.com\/buscador_20179478954\/corteconstitucionalcronologico202454587\/t-889-00\/\" class=\"_self\" target=\"_self\" >T-889-00<\/a><\/h4>\n<div class=\"pt-cv-content\">\u00a0 \u00a0 Sentencia T-889\/00 \u00a0 EDUCACION-Obligaci\u00f3n de la sociedad \u00a0 REGLAMENTO EDUCATIVO-Proporcionalidad en imponer sanciones por razones de cabello largo \u00a0 LIBRE DESARROLLO DE LA PERSONALIDAD-L\u00edmites \u00a0 DERECHO AL LIBRE DESARROLLO DE LA PERSONALIDAD-Juicio de proporcionalidad sobre restricciones a la apariencia personal de educandos\/DERECHO AL LIBRE DESARROLLO DE LA PERSONALIDAD-Corte de cabello\/DERECHO A LA EDUCACION-Corte de cabello \u00a0 Referencia: expediente T-303803 \u00a0 Accionante: Consuelo Mar\u00edn P\u00e9rez \u00a0 Accionado: INEM \"Jos\u00e9 Felix de Restrepo\"\u00a0 \u00a0 Magistrado Ponente: \u00a0 Dr. ALEJANDRO MARTINEZ CABALLERO \u00a0 Santa Fe de Bogot\u00e1, D.C., \u00a0diecisiete (17) de julio de dos mil (2000).\u00a0 \u00a0 La Sala Sexta de ...<br \/><div class=\"pt-cv-rmwrap\"><a href=\"https:\/\/www.dmsjuridica.com\/buscador_20179478954\/corteconstitucionalcronologico202454587\/t-889-00\/\" class=\"_self pt-cv-readmore btn btn-success\" target=\"_self\">Ver Sentencia Completa...<\/a><\/div><\/div><\/div><\/div>\n<div class=\"col-md-12 col-sm-12 col-xs-12 pt-cv-content-item pt-cv-1-col\" ><div class='pt-cv-ifield'><a href=\"https:\/\/www.dmsjuridica.com\/buscador_20179478954\/corteconstitucionalcronologico202454587\/t-888-00\/\" class=\"_self pt-cv-href-thumbnail pt-cv-thumb-default\" target=\"_self\" ><\/a>\n<div class=\"pt-cv-taxoterm above_title\"><a href='https:\/\/www.dmsjuridica.com\/buscador_20179478954\/corteconstitucionalcronologico202454587\/category\/buscar-en-toda-la-corte\/2000\/tutelas-2000\/' title='Tutelas 2000' class='pt-cv-tax-tutelas-2000'>Tutelas 2000<\/a><\/div>\n<h4 class=\"pt-cv-title\"><a href=\"https:\/\/www.dmsjuridica.com\/buscador_20179478954\/corteconstitucionalcronologico202454587\/t-888-00\/\" class=\"_self\" target=\"_self\" >T-888-00<\/a><\/h4>\n<div class=\"pt-cv-content\">\u00a0 \u00a0 Sentencia T-888\/00 \u00a0 ACCION DE TUTELA-Procedencia excepcional pago de salarios \u00a0 DERECHO AL PAGO OPORTUNO DEL SALARIO-Fundamental \u00a0 DERECHO AL MINIMO VITAL DEL TRABAJADOR-Pago de salarios atrasados \u00a0 Referencia: expediente T-304102 \u00a0 Procedencia: Juzgado Segundo Penal Municipal de Barranquilla.\u00a0 \u00a0 \u00a0 \u00a0 Actores: Vilma Lozano de Rubio y otros contra el Alcalde Distrital de Barranquilla, la Secretaria de Hacienda Distrital y el Personero. \u00a0 Magistrado Ponente: \u00a0 Dr. ALEJANDRO MARTINEZ CABALLERO \u00a0 La Sala Sexta de Revisi\u00f3n de la Corte Constitucional, integrada por los Magistrados doctores Alejandro Mart\u00ednez Caballero, Fabio Mor\u00f3n D\u00edaz y Vladimiro Naranjo Mesa, en ejercicio ...<br \/><div class=\"pt-cv-rmwrap\"><a href=\"https:\/\/www.dmsjuridica.com\/buscador_20179478954\/corteconstitucionalcronologico202454587\/t-888-00\/\" class=\"_self pt-cv-readmore btn btn-success\" target=\"_self\">Ver Sentencia Completa...<\/a><\/div><\/div><\/div><\/div>\n<div class=\"col-md-12 col-sm-12 col-xs-12 pt-cv-content-item pt-cv-1-col\" ><div class='pt-cv-ifield'><a href=\"https:\/\/www.dmsjuridica.com\/buscador_20179478954\/corteconstitucionalcronologico202454587\/t-887-00\/\" class=\"_self pt-cv-href-thumbnail pt-cv-thumb-default\" target=\"_self\" ><\/a>\n<div class=\"pt-cv-taxoterm above_title\"><a href='https:\/\/www.dmsjuridica.com\/buscador_20179478954\/corteconstitucionalcronologico202454587\/category\/buscar-en-toda-la-corte\/2000\/tutelas-2000\/' title='Tutelas 2000' class='pt-cv-tax-tutelas-2000'>Tutelas 2000<\/a><\/div>\n<h4 class=\"pt-cv-title\"><a href=\"https:\/\/www.dmsjuridica.com\/buscador_20179478954\/corteconstitucionalcronologico202454587\/t-887-00\/\" class=\"_self\" target=\"_self\" >T-887-00<\/a><\/h4>\n<div class=\"pt-cv-content\">\u00a0 \u00a0 Sentencia T-887\/00 \u00a0 DERECHO A LA PENSION DE VEJEZ-Fundamental \u00a0 DERECHO A LA SEGURIDAD SOCIAL EN PENSIONES-Respeto a los principios constitucionales \u00a0 Los principios constitucionales y dentro de ellos est\u00e1n los rectores de la pol\u00edtica social, deben ser obedecidos. Luego los principios sobre la seguridad social en pensiones, tienen eficacia jur\u00eddica. Adem\u00e1s, a nivel personal, se deben respetar los derechos adquiridos, uno de ellos, es el reconocido desde hace a\u00f1os de que se adquiere el status de jubilado cuando se llega a \u00a0la edad requerida -la general o la de reg\u00edmenes especiales- y cuando se cumplen los a\u00f1os ...<br \/><div class=\"pt-cv-rmwrap\"><a href=\"https:\/\/www.dmsjuridica.com\/buscador_20179478954\/corteconstitucionalcronologico202454587\/t-887-00\/\" class=\"_self pt-cv-readmore btn btn-success\" target=\"_self\">Ver Sentencia Completa...<\/a><\/div><\/div><\/div><\/div>\n<div class=\"col-md-12 col-sm-12 col-xs-12 pt-cv-content-item pt-cv-1-col\" ><div class='pt-cv-ifield'><a href=\"https:\/\/www.dmsjuridica.com\/buscador_20179478954\/corteconstitucionalcronologico202454587\/t-886-00\/\" class=\"_self pt-cv-href-thumbnail pt-cv-thumb-default\" target=\"_self\" ><\/a>\n<div class=\"pt-cv-taxoterm above_title\"><a href='https:\/\/www.dmsjuridica.com\/buscador_20179478954\/corteconstitucionalcronologico202454587\/category\/buscar-en-toda-la-corte\/2000\/tutelas-2000\/' title='Tutelas 2000' class='pt-cv-tax-tutelas-2000'>Tutelas 2000<\/a><\/div>\n<h4 class=\"pt-cv-title\"><a href=\"https:\/\/www.dmsjuridica.com\/buscador_20179478954\/corteconstitucionalcronologico202454587\/t-886-00\/\" class=\"_self\" target=\"_self\" >T-886-00<\/a><\/h4>\n<div class=\"pt-cv-content\">\u00a0 \u00a0 Sentencia T-886\/00 \u00a0 JUEZ CONSTITUCIONAL-Fallos ultra o extra petita \u00a0 DERECHO DE PETICION-Resoluci\u00f3n oportuna de recursos \u00a0 ACCION DE TUTELA-Improcedencia para resolver derechos litigiosos\/ACCION DE TUTELA-Improcedencia para reliquidaci\u00f3n de mesada pensional \u00a0 Referencia: expediente T- 304.084 \u00a0 Magistrado Ponente:\u00a0 \u00a0 Dr. ALEJANDRO MART\u00cdNEZ CABALLERO \u00a0 Santa Fe de Bogot\u00e1, diez y siete (17) de julio de dos mil (2000) \u00a0 La Sala Sexta de Revisi\u00f3n de la Corte Constitucional, en ejercicio de sus competencias constitucionales y legales, ha proferido Sentencia en la acci\u00f3n de tutela interpuesta, mediante apoderado, por Luis Sebasti\u00e1n Pinto Medina contra el Seguro Social. \u00a0 ...<br \/><div class=\"pt-cv-rmwrap\"><a href=\"https:\/\/www.dmsjuridica.com\/buscador_20179478954\/corteconstitucionalcronologico202454587\/t-886-00\/\" class=\"_self pt-cv-readmore btn btn-success\" target=\"_self\">Ver Sentencia Completa...<\/a><\/div><\/div><\/div><\/div>\n<div class=\"col-md-12 col-sm-12 col-xs-12 pt-cv-content-item pt-cv-1-col\" ><div class='pt-cv-ifield'><a href=\"https:\/\/www.dmsjuridica.com\/buscador_20179478954\/corteconstitucionalcronologico202454587\/t-885-00\/\" class=\"_self pt-cv-href-thumbnail pt-cv-thumb-default\" target=\"_self\" ><\/a>\n<div class=\"pt-cv-taxoterm above_title\"><a href='https:\/\/www.dmsjuridica.com\/buscador_20179478954\/corteconstitucionalcronologico202454587\/category\/buscar-en-toda-la-corte\/2000\/tutelas-2000\/' title='Tutelas 2000' class='pt-cv-tax-tutelas-2000'>Tutelas 2000<\/a><\/div>\n<h4 class=\"pt-cv-title\"><a href=\"https:\/\/www.dmsjuridica.com\/buscador_20179478954\/corteconstitucionalcronologico202454587\/t-885-00\/\" class=\"_self\" target=\"_self\" >T-885-00<\/a><\/h4>\n<div class=\"pt-cv-content\">\u00a0 \u00a0 Sentencia T-885\/00 \u00a0 ACCION DE TUTELA-Procedencia excepcional pago de salarios \u00a0 DERECHO AL PAGO OPORTUNO DEL SALARIO-Fundamental \u00a0 DERECHO AL MINIMO VITAL DEL TRABAJADOR-Pago de salarios atrasados\/EMPLEADOR-Insolvencia para pago oportuno de salarios no es raz\u00f3n suficiente \u00a0 Referencia: expedientes T-301768 y T- 304141 \u00a0 Procedencia: Sala laboral del Tribunal Superior de Bogot\u00e1. \u00a0 \u00a0 \u00a0 Actores: Jos\u00e9 Fernando Ar\u00e9valo y Carlos Alberto Gil Ladino.\u00a0 \u00a0 Magistrado Ponente: \u00a0 Dr. ALEJANDRO MARTINEZ CABALLERO \u00a0 Santa Fe de Bogot\u00e1, D.C., diecisiete (17) de julio de dos mil (2.000). \u00a0 La Sala Sexta de Revisi\u00f3n de la Corte Constitucional, integrada por ...<br \/><div class=\"pt-cv-rmwrap\"><a href=\"https:\/\/www.dmsjuridica.com\/buscador_20179478954\/corteconstitucionalcronologico202454587\/t-885-00\/\" class=\"_self pt-cv-readmore btn btn-success\" target=\"_self\">Ver Sentencia Completa...<\/a><\/div><\/div><\/div><\/div>\n<div class=\"col-md-12 col-sm-12 col-xs-12 pt-cv-content-item pt-cv-1-col\" ><div class='pt-cv-ifield'><a href=\"https:\/\/www.dmsjuridica.com\/buscador_20179478954\/corteconstitucionalcronologico202454587\/t-884-00\/\" class=\"_self pt-cv-href-thumbnail pt-cv-thumb-default\" target=\"_self\" ><\/a>\n<div class=\"pt-cv-taxoterm above_title\"><a href='https:\/\/www.dmsjuridica.com\/buscador_20179478954\/corteconstitucionalcronologico202454587\/category\/buscar-en-toda-la-corte\/2000\/tutelas-2000\/' title='Tutelas 2000' class='pt-cv-tax-tutelas-2000'>Tutelas 2000<\/a><\/div>\n<h4 class=\"pt-cv-title\"><a href=\"https:\/\/www.dmsjuridica.com\/buscador_20179478954\/corteconstitucionalcronologico202454587\/t-884-00\/\" class=\"_self\" target=\"_self\" >T-884-00<\/a><\/h4>\n<div class=\"pt-cv-content\">\u00a0 \u00a0 Sentencia T-884\/00 \u00a0 LICENCIA DE MATERNIDAD-Procedencia excepcional de tutela para el pago \u00a0 Referencia: expediente T- 286.048 \u00a0 Magistrado Ponente:\u00a0 \u00a0 Dr. ALEJANDRO MART\u00cdNEZ CABALLERO \u00a0 Santa Fe de Bogot\u00e1, diez y siete (17) de julio de dos mil (2000) \u00a0 La Sala Sexta de Revisi\u00f3n de la Corte Constitucional, en ejercicio de sus competencias constitucionales y legales, ha proferido Sentencia en la acci\u00f3n de tutela interpuesta por Sandra Ximena Tapia Acuria contra la EPS COOMEVA. \u00a0 I. ANTECEDENTES \u00a0 1. Hechos\u00a0 \u00a0 - La Secretar\u00eda de Tr\u00e1nsito de Cali, afili\u00f3 a la accionante a la Empresa Promotora ...<br \/><div class=\"pt-cv-rmwrap\"><a href=\"https:\/\/www.dmsjuridica.com\/buscador_20179478954\/corteconstitucionalcronologico202454587\/t-884-00\/\" class=\"_self pt-cv-readmore btn btn-success\" target=\"_self\">Ver Sentencia Completa...<\/a><\/div><\/div><\/div><\/div>\n<div class=\"col-md-12 col-sm-12 col-xs-12 pt-cv-content-item pt-cv-1-col\" ><div class='pt-cv-ifield'><a href=\"https:\/\/www.dmsjuridica.com\/buscador_20179478954\/corteconstitucionalcronologico202454587\/t-883-00\/\" class=\"_self pt-cv-href-thumbnail pt-cv-thumb-default\" target=\"_self\" ><\/a>\n<div class=\"pt-cv-taxoterm above_title\"><a href='https:\/\/www.dmsjuridica.com\/buscador_20179478954\/corteconstitucionalcronologico202454587\/category\/buscar-en-toda-la-corte\/2000\/tutelas-2000\/' title='Tutelas 2000' class='pt-cv-tax-tutelas-2000'>Tutelas 2000<\/a><\/div>\n<h4 class=\"pt-cv-title\"><a href=\"https:\/\/www.dmsjuridica.com\/buscador_20179478954\/corteconstitucionalcronologico202454587\/t-883-00\/\" class=\"_self\" target=\"_self\" >T-883-00<\/a><\/h4>\n<div class=\"pt-cv-content\">\u00a0 \u00a0 Sentencia T-883\/00 \u00a0 COMPETENCIA A PREVENCION EN TUTELA-Alcance \u00a0 COMPETENCIA A PREVENCION EN TUTELA-Factor territorial \u00a0 Dada la naturaleza preferente y sumaria de la acci\u00f3n de tutela, la jurisdicci\u00f3n constitucional no impone trabas en lo que ata\u00f1e a la competencia territorial de sus jueces, cuando los actos que motivan la utilizaci\u00f3n de aquella provengan de organismos del orden nacional. En materia de jurisdicci\u00f3n de tutela, debe entenderse que el criterio territorial est\u00e1 determinado por el lugar en donde ocurren los hechos que motivan la interposici\u00f3n de la acci\u00f3n de amparo. M\u00e1s a\u00fan, originada la presunta violaci\u00f3n de los ...<br \/><div class=\"pt-cv-rmwrap\"><a href=\"https:\/\/www.dmsjuridica.com\/buscador_20179478954\/corteconstitucionalcronologico202454587\/t-883-00\/\" class=\"_self pt-cv-readmore btn btn-success\" target=\"_self\">Ver Sentencia Completa...<\/a><\/div><\/div><\/div><\/div>\n<div class=\"col-md-12 col-sm-12 col-xs-12 pt-cv-content-item pt-cv-1-col\" ><div class='pt-cv-ifield'><a href=\"https:\/\/www.dmsjuridica.com\/buscador_20179478954\/corteconstitucionalcronologico202454587\/t-882-00\/\" class=\"_self pt-cv-href-thumbnail pt-cv-thumb-default\" target=\"_self\" ><\/a>\n<div class=\"pt-cv-taxoterm above_title\"><a href='https:\/\/www.dmsjuridica.com\/buscador_20179478954\/corteconstitucionalcronologico202454587\/category\/buscar-en-toda-la-corte\/2000\/tutelas-2000\/' title='Tutelas 2000' class='pt-cv-tax-tutelas-2000'>Tutelas 2000<\/a><\/div>\n<h4 class=\"pt-cv-title\"><a href=\"https:\/\/www.dmsjuridica.com\/buscador_20179478954\/corteconstitucionalcronologico202454587\/t-882-00\/\" class=\"_self\" target=\"_self\" >T-882-00<\/a><\/h4>\n<div class=\"pt-cv-content\">\u00a0 \u00a0 Sentencia T-882\/00 \u00a0 ACCION DE TUTELA CONTRA PROVIDENCIAS JUDICIALES-Requisitos \u00a0 VIA DE HECHO-Clases de defectos en la actuaci\u00f3n \u00a0 VIA DE HECHO-No basta con demostrar que existieron fallas en la defensa t\u00e9cnica del procesado\/MEDIO DE DEFENSA JUDICIAL-Fallas en la defensa t\u00e9cnica del procesado \u00a0 Referencia: expediente T-286.651 \u00a0 Peticionario: Jos\u00e9 Leis\u00f3n Mosquera S\u00e1nchez \u00a0 Procedencia: \u00a0 Juzgado Promiscuo Municipal de Istmina, Choc\u00f3 \u00a0 Dr. VLADIMIRO NARANJO MESA \u00a0 Santaf\u00e9 de Bogot\u00e1, D.C., trece (13) de julio de dos mil (2000) \u00a0 La Sala Octava de Revisi\u00f3n de la Corte Constitucional, conformada por los magistrados Vladimiro Naranjo Mesa -Presidente ...<br \/><div class=\"pt-cv-rmwrap\"><a href=\"https:\/\/www.dmsjuridica.com\/buscador_20179478954\/corteconstitucionalcronologico202454587\/t-882-00\/\" class=\"_self pt-cv-readmore btn btn-success\" target=\"_self\">Ver Sentencia Completa...<\/a><\/div><\/div><\/div><\/div>\n<div class=\"col-md-12 col-sm-12 col-xs-12 pt-cv-content-item pt-cv-1-col\" ><div class='pt-cv-ifield'><a href=\"https:\/\/www.dmsjuridica.com\/buscador_20179478954\/corteconstitucionalcronologico202454587\/t-881-00\/\" class=\"_self pt-cv-href-thumbnail pt-cv-thumb-default\" target=\"_self\" ><\/a>\n<div class=\"pt-cv-taxoterm above_title\"><a href='https:\/\/www.dmsjuridica.com\/buscador_20179478954\/corteconstitucionalcronologico202454587\/category\/buscar-en-toda-la-corte\/2000\/tutelas-2000\/' title='Tutelas 2000' class='pt-cv-tax-tutelas-2000'>Tutelas 2000<\/a><\/div>\n<h4 class=\"pt-cv-title\"><a href=\"https:\/\/www.dmsjuridica.com\/buscador_20179478954\/corteconstitucionalcronologico202454587\/t-881-00\/\" class=\"_self\" target=\"_self\" >T-881-00<\/a><\/h4>\n<div class=\"pt-cv-content\">\u00a0 \u00a0 Sentencia T-881\/00 \u00a0 DERECHO A ESCOGER PROFESION U OFICIO-Vulneraci\u00f3n \u00a0 DERECHO A ESCOGER PROFESION U OFICIO-Alcance \u00a0 DERECHO AL LIBRE DESARROLLO DE LA PERSONALIDAD-Alcance \u00a0 DERECHO A LA EDUCACION-Naturaleza \u00a0 DERECHO A ESCOGER PROFESION U OFICIO-Fundamental \u00a0 DERECHO A ESCOGER PROFESION U OFICIO-Requisitos de idoneidad adecuados y razonables \u00a0 Se permite a las autoridades legalmente constituidas exigir requisitos de idoneidad, a quienes aspiran a ejercer ciertas profesiones u oficios. \u00a0Estos requisitos pueden exigirse antes de otorgar el t\u00edtulo que les permite desempe\u00f1arlos o, durante el ejercicio de la profesi\u00f3n. \u00a0A su vez, la idoneidad puede referirse a condiciones ...<br \/><div class=\"pt-cv-rmwrap\"><a href=\"https:\/\/www.dmsjuridica.com\/buscador_20179478954\/corteconstitucionalcronologico202454587\/t-881-00\/\" class=\"_self pt-cv-readmore btn btn-success\" target=\"_self\">Ver Sentencia Completa...<\/a><\/div><\/div><\/div><\/div>\n<div class=\"col-md-12 col-sm-12 col-xs-12 pt-cv-content-item pt-cv-1-col\" ><div class='pt-cv-ifield'><a href=\"https:\/\/www.dmsjuridica.com\/buscador_20179478954\/corteconstitucionalcronologico202454587\/t-880-00\/\" class=\"_self pt-cv-href-thumbnail pt-cv-thumb-default\" target=\"_self\" ><\/a>\n<div class=\"pt-cv-taxoterm above_title\"><a href='https:\/\/www.dmsjuridica.com\/buscador_20179478954\/corteconstitucionalcronologico202454587\/category\/buscar-en-toda-la-corte\/2000\/tutelas-2000\/' title='Tutelas 2000' class='pt-cv-tax-tutelas-2000'>Tutelas 2000<\/a><\/div>\n<h4 class=\"pt-cv-title\"><a href=\"https:\/\/www.dmsjuridica.com\/buscador_20179478954\/corteconstitucionalcronologico202454587\/t-880-00\/\" class=\"_self\" target=\"_self\" >T-880-00<\/a><\/h4>\n<div class=\"pt-cv-content\">\u00a0 \u00a0 Sentencia T-880\/00 \u00a0 JURISDICCION CONTENCIOSO ADMINISTRATIVA-Procedencia y cuant\u00eda del impuesto de industria y comercio a notario \u00a0 Referencia: expediente T-315926 \u00a0 Peticionario: Mario Fern\u00e1ndez Herrera \u00a0 \u00a0Magistrado Ponente:\u00a0 \u00a0 Dr. ALFREDO BELTR\u00c1N SIERRA. \u00a0 Santaf\u00e9 de Bogot\u00e1, D.C., trece (13) de julio de dos mil (2000). \u00a0 La Sala Segunda de Revisi\u00f3n de la Corte Constitucional, integrada por los magistrados, Alfredo Beltr\u00e1n Sierra, Eduardo Cifuentes Mu\u00f1oz y Carlos Gaviria D\u00edaz, en ejercicio de sus competencias constitucionales y legales, ha proferido la siguiente : \u00a0 SENTENCIA \u00a0 El expediente lleg\u00f3 a la Corte Constitucional, por remisi\u00f3n que se hizo ...<br \/><div class=\"pt-cv-rmwrap\"><a href=\"https:\/\/www.dmsjuridica.com\/buscador_20179478954\/corteconstitucionalcronologico202454587\/t-880-00\/\" class=\"_self pt-cv-readmore btn btn-success\" target=\"_self\">Ver Sentencia Completa...<\/a><\/div><\/div><\/div><\/div>\n<div class=\"col-md-12 col-sm-12 col-xs-12 pt-cv-content-item pt-cv-1-col\" ><div class='pt-cv-ifield'><a href=\"https:\/\/www.dmsjuridica.com\/buscador_20179478954\/corteconstitucionalcronologico202454587\/t-875-00\/\" class=\"_self pt-cv-href-thumbnail pt-cv-thumb-default\" target=\"_self\" ><\/a>\n<div class=\"pt-cv-taxoterm above_title\"><a href='https:\/\/www.dmsjuridica.com\/buscador_20179478954\/corteconstitucionalcronologico202454587\/category\/buscar-en-toda-la-corte\/2000\/tutelas-2000\/' title='Tutelas 2000' class='pt-cv-tax-tutelas-2000'>Tutelas 2000<\/a><\/div>\n<h4 class=\"pt-cv-title\"><a href=\"https:\/\/www.dmsjuridica.com\/buscador_20179478954\/corteconstitucionalcronologico202454587\/t-875-00\/\" class=\"_self\" target=\"_self\" >T-875-00<\/a><\/h4>\n<div class=\"pt-cv-content\">\u00a0 \u00a0 Sentencia T-875\/00 \u00a0 ERROR ARITMETICO EN PROVIDENCIA JUDICIAL-Definici\u00f3n\/ERROR ARITMETICO EN PROVIDENCIA JUDICIAL-Correcci\u00f3n \u00a0 El error aritm\u00e9tico es aquel que surge de un c\u00e1lculo meramente aritm\u00e9tico cuando la operaci\u00f3n ha sido err\u00f3neamente realizada. En consecuencia, su correcci\u00f3n debe contraerse a efectuar adecuadamente la operaci\u00f3n aritm\u00e9tica err\u00f3neamente realizada, sin llegar a modificar o alterar los factores o elementos que la componen. En otras palabras, la facultad para corregir, en cualquier tiempo, los errores aritm\u00e9ticos cometidos en una providencia judicial, no constituye un expediente para que el juez pueda modificar otros aspectos - f\u00e1cticos o jur\u00eddicos - que, finalmente, impliquen un ...<br \/><div class=\"pt-cv-rmwrap\"><a href=\"https:\/\/www.dmsjuridica.com\/buscador_20179478954\/corteconstitucionalcronologico202454587\/t-875-00\/\" class=\"_self pt-cv-readmore btn btn-success\" target=\"_self\">Ver Sentencia Completa...<\/a><\/div><\/div><\/div><\/div>\n<div class=\"col-md-12 col-sm-12 col-xs-12 pt-cv-content-item pt-cv-1-col\" ><div class='pt-cv-ifield'><a href=\"https:\/\/www.dmsjuridica.com\/buscador_20179478954\/corteconstitucionalcronologico202454587\/t-874-00\/\" class=\"_self pt-cv-href-thumbnail pt-cv-thumb-default\" target=\"_self\" ><\/a>\n<div class=\"pt-cv-taxoterm above_title\"><a href='https:\/\/www.dmsjuridica.com\/buscador_20179478954\/corteconstitucionalcronologico202454587\/category\/buscar-en-toda-la-corte\/2000\/tutelas-2000\/' title='Tutelas 2000' class='pt-cv-tax-tutelas-2000'>Tutelas 2000<\/a><\/div>\n<h4 class=\"pt-cv-title\"><a href=\"https:\/\/www.dmsjuridica.com\/buscador_20179478954\/corteconstitucionalcronologico202454587\/t-874-00\/\" class=\"_self\" target=\"_self\" >T-874-00<\/a><\/h4>\n<div class=\"pt-cv-content\">\u00a0 \u00a0 Sentencia T-874\/00 \u00a0 ACCION DE TUTELA-Subsidiariedad \u00a0 ACCION DE TUTELA CONTRA PROVIDENCIAS JUDICIALES-Condici\u00f3n previa de agotamiento de recursos o medidas judiciales \u00a0 La acci\u00f3n de tutela contra providencias judiciales supone una condici\u00f3n previa que el presunto agraviado no puede dejar de cumplir. Ella consiste en agotar los recursos y dem\u00e1s medidas judiciales a su alcance para solicitar que la violaci\u00f3n a sus derechos fundamentales, por obra directa de la administraci\u00f3n de justicia, sea verificada y resuelta, lo que entra\u00f1a, si concurren los presupuestos para ello, rectificar el acto que quebranta el derecho fundamental o realizar la actividad que ...<br \/><div class=\"pt-cv-rmwrap\"><a href=\"https:\/\/www.dmsjuridica.com\/buscador_20179478954\/corteconstitucionalcronologico202454587\/t-874-00\/\" class=\"_self pt-cv-readmore btn btn-success\" target=\"_self\">Ver Sentencia Completa...<\/a><\/div><\/div><\/div><\/div>\n<div class=\"col-md-12 col-sm-12 col-xs-12 pt-cv-content-item pt-cv-1-col\" ><div class='pt-cv-ifield'><a href=\"https:\/\/www.dmsjuridica.com\/buscador_20179478954\/corteconstitucionalcronologico202454587\/t-873-00\/\" class=\"_self pt-cv-href-thumbnail pt-cv-thumb-default\" target=\"_self\" ><\/a>\n<div class=\"pt-cv-taxoterm above_title\"><a href='https:\/\/www.dmsjuridica.com\/buscador_20179478954\/corteconstitucionalcronologico202454587\/category\/buscar-en-toda-la-corte\/2000\/tutelas-2000\/' title='Tutelas 2000' class='pt-cv-tax-tutelas-2000'>Tutelas 2000<\/a><\/div>\n<h4 class=\"pt-cv-title\"><a href=\"https:\/\/www.dmsjuridica.com\/buscador_20179478954\/corteconstitucionalcronologico202454587\/t-873-00\/\" class=\"_self\" target=\"_self\" >T-873-00<\/a><\/h4>\n<div class=\"pt-cv-content\">\u00a0 \u00a0 Sentencia T-873\/00 \u00a0 ACCION DE TUTELA-Hecho superado \u00a0 Referencia: expediente T-283360 \u00a0 Acci\u00f3n de tutela instaurada por Alba Nelly Ram\u00edrez Ortega contra la Sala Civil y de Familia del Tribunal Superior del Distrito de Pasto \u00a0 Magistrado Ponente:\u00a0 \u00a0 Dr. EDUARDO CIFUENTES MU\u00d1OZ \u00a0 Santaf\u00e9 de Bogot\u00e1, D.C., julio once (11) de \u00a0dos mil (2000). \u00a0 La Sala Tercera de Revisi\u00f3n de la Corte Constitucional, integrada por los magistrados Eduardo Cifuentes Mu\u00f1oz, Carlos Gaviria D\u00edaz y Jos\u00e9 Gregorio Hern\u00e1ndez Galindo, en ejercicio de sus competencias constitucionales y legales, ha proferido la siguiente \u00a0 SENTENCIA \u00a0 en el proceso ...<br \/><div class=\"pt-cv-rmwrap\"><a href=\"https:\/\/www.dmsjuridica.com\/buscador_20179478954\/corteconstitucionalcronologico202454587\/t-873-00\/\" class=\"_self pt-cv-readmore btn btn-success\" target=\"_self\">Ver Sentencia Completa...<\/a><\/div><\/div><\/div><\/div>\n<div class=\"col-md-12 col-sm-12 col-xs-12 pt-cv-content-item pt-cv-1-col\" ><div class='pt-cv-ifield'><a href=\"https:\/\/www.dmsjuridica.com\/buscador_20179478954\/corteconstitucionalcronologico202454587\/t-872-00\/\" class=\"_self pt-cv-href-thumbnail pt-cv-thumb-default\" target=\"_self\" ><\/a>\n<div class=\"pt-cv-taxoterm above_title\"><a href='https:\/\/www.dmsjuridica.com\/buscador_20179478954\/corteconstitucionalcronologico202454587\/category\/buscar-en-toda-la-corte\/2000\/tutelas-2000\/' title='Tutelas 2000' class='pt-cv-tax-tutelas-2000'>Tutelas 2000<\/a><\/div>\n<h4 class=\"pt-cv-title\"><a href=\"https:\/\/www.dmsjuridica.com\/buscador_20179478954\/corteconstitucionalcronologico202454587\/t-872-00\/\" class=\"_self\" target=\"_self\" >T-872-00<\/a><\/h4>\n<div class=\"pt-cv-content\">CONTRATO DE TRABAJO A TERMINO FIJO-Terminaci\u00f3n por vencimiento del plazo acordado\/EMPLEADOR-Conducta \u00e9ticamente reprochable no es ilegal o inconstitucional \u00a0 El contrato de trabajo se convino por escrito, por un t\u00e9rmino inicial de 6 meses. El patrono resolvi\u00f3 no prorrogar el contrato y, para el efecto, le envi\u00f3 un escrito al \u00a0trabajador, con una antelaci\u00f3n superior a los 30 d\u00edas, en el que le informaba de su decisi\u00f3n. De esta manera, el contrato termin\u00f3 por el vencimiento del plazo acordado, para lo cual el patrono cumpli\u00f3 con todos los requisitos legales. En vista de lo anterior, mal se puede sostener que ...<br \/><div class=\"pt-cv-rmwrap\"><a href=\"https:\/\/www.dmsjuridica.com\/buscador_20179478954\/corteconstitucionalcronologico202454587\/t-872-00\/\" class=\"_self pt-cv-readmore btn btn-success\" target=\"_self\">Ver Sentencia Completa...<\/a><\/div><\/div><\/div><\/div>\n<div class=\"col-md-12 col-sm-12 col-xs-12 pt-cv-content-item pt-cv-1-col\" ><div class='pt-cv-ifield'><a href=\"https:\/\/www.dmsjuridica.com\/buscador_20179478954\/corteconstitucionalcronologico202454587\/t-871-00\/\" class=\"_self pt-cv-href-thumbnail pt-cv-thumb-default\" target=\"_self\" ><\/a>\n<div class=\"pt-cv-taxoterm above_title\"><a href='https:\/\/www.dmsjuridica.com\/buscador_20179478954\/corteconstitucionalcronologico202454587\/category\/buscar-en-toda-la-corte\/2000\/tutelas-2000\/' title='Tutelas 2000' class='pt-cv-tax-tutelas-2000'>Tutelas 2000<\/a><\/div>\n<h4 class=\"pt-cv-title\"><a href=\"https:\/\/www.dmsjuridica.com\/buscador_20179478954\/corteconstitucionalcronologico202454587\/t-871-00\/\" class=\"_self\" target=\"_self\" >T-871-00<\/a><\/h4>\n<div class=\"pt-cv-content\">\u00a0 \u00a0 Sentencia T-871\/00 \u00a0 EDUCACION-Funci\u00f3n social\/EDUCACION-Derecho deber \u00a0 EDUCACION-Obligaci\u00f3n de la sociedad \u00a0 DERECHO A LA EDUCACION DEL NI\u00d1O-Prohibici\u00f3n de retirarlo de clases por no pago de pensiones \u00a0 DERECHO A LA EDUCACION-Retenci\u00f3n de notas por no pago de pensi\u00f3n\/DERECHO A LA EDUCACION-Padres de familia no pueden abusar de sus derechos e incurrir en cultura del no pago \u00a0 Referencia: expediente T-300810 \u00a0 Accionante: Evelin Alexandra \u00a0Moncada Manrique \u00a0 Magistrado Ponente: \u00a0 Dr. ALEJANDRO MARTINEZ CABALLERO \u00a0 Santa Fe de Bogot\u00e1, D.C., \u00a0once (11) de julio de dos mil (2000).\u00a0 \u00a0 La Sala Sexta de Revisi\u00f3n de la Corte ...<br \/><div class=\"pt-cv-rmwrap\"><a href=\"https:\/\/www.dmsjuridica.com\/buscador_20179478954\/corteconstitucionalcronologico202454587\/t-871-00\/\" class=\"_self pt-cv-readmore btn btn-success\" target=\"_self\">Ver Sentencia Completa...<\/a><\/div><\/div><\/div><\/div>\n<div class=\"col-md-12 col-sm-12 col-xs-12 pt-cv-content-item pt-cv-1-col\" ><div class='pt-cv-ifield'><a href=\"https:\/\/www.dmsjuridica.com\/buscador_20179478954\/corteconstitucionalcronologico202454587\/t-870-00\/\" class=\"_self pt-cv-href-thumbnail pt-cv-thumb-default\" target=\"_self\" ><\/a>\n<div class=\"pt-cv-taxoterm above_title\"><a href='https:\/\/www.dmsjuridica.com\/buscador_20179478954\/corteconstitucionalcronologico202454587\/category\/buscar-en-toda-la-corte\/2000\/tutelas-2000\/' title='Tutelas 2000' class='pt-cv-tax-tutelas-2000'>Tutelas 2000<\/a><\/div>\n<h4 class=\"pt-cv-title\"><a href=\"https:\/\/www.dmsjuridica.com\/buscador_20179478954\/corteconstitucionalcronologico202454587\/t-870-00\/\" class=\"_self\" target=\"_self\" >T-870-00<\/a><\/h4>\n<div class=\"pt-cv-content\">\u00a0 \u00a0 Sentencia T-870\/00 \u00a0 AUTONOMIA UNIVERSITARIA-Definici\u00f3n \u00a0 AUTONOMIA UNIVERSITARIA-Discrecionalidad no es absoluta\/AUTONOMIA UNIVERSITARIA-L\u00edmites \u00a0 INSTITUCION UNIVERSITARIA-Exigencia presentaci\u00f3n de preparatorio como nuevo requisito para grado \u00a0 ESTABLECIMIENTO EDUCATIVO-Expedici\u00f3n de reglamento\/REGLAMENTO UNIVERSITARIO-No tiene efectos retroactivos \u00a0 Referencia: expedientes T-300139 y T-300817\u00a0 \u00a0 Accionante: Claudia Marcela Carre\u00f1o Salazar y Gloria Helena Tamayo Z\u00fa\u00f1iga.\u00a0 \u00a0 Magistrado Ponente: \u00a0 Dr. ALEJANDRO MARTINEZ CABALLERO \u00a0 Santa Fe de Bogot\u00e1, D.C., \u00a0 once (11) \u00a0de \u00a0julio de dos mil (2000). \u00a0 La Sala Sexta de Revisi\u00f3n de la Corte Constitucional, integrada por los Magistrados doctores Fabio Mor\u00f3n D\u00edaz, Vladimiro Naranjo Mesa y Alejandro Mart\u00ednez Caballero, quien ...<br \/><div class=\"pt-cv-rmwrap\"><a href=\"https:\/\/www.dmsjuridica.com\/buscador_20179478954\/corteconstitucionalcronologico202454587\/t-870-00\/\" class=\"_self pt-cv-readmore btn btn-success\" target=\"_self\">Ver Sentencia Completa...<\/a><\/div><\/div><\/div><\/div>\n<div class=\"col-md-12 col-sm-12 col-xs-12 pt-cv-content-item pt-cv-1-col\" ><div class='pt-cv-ifield'><a href=\"https:\/\/www.dmsjuridica.com\/buscador_20179478954\/corteconstitucionalcronologico202454587\/t-869-00\/\" class=\"_self pt-cv-href-thumbnail pt-cv-thumb-default\" target=\"_self\" ><\/a>\n<div class=\"pt-cv-taxoterm above_title\"><a href='https:\/\/www.dmsjuridica.com\/buscador_20179478954\/corteconstitucionalcronologico202454587\/category\/buscar-en-toda-la-corte\/2000\/tutelas-2000\/' title='Tutelas 2000' class='pt-cv-tax-tutelas-2000'>Tutelas 2000<\/a><\/div>\n<h4 class=\"pt-cv-title\"><a href=\"https:\/\/www.dmsjuridica.com\/buscador_20179478954\/corteconstitucionalcronologico202454587\/t-869-00\/\" class=\"_self\" target=\"_self\" >T-869-00<\/a><\/h4>\n<div class=\"pt-cv-content\">\u00a0 \u00a0 Sentencia T-869\/00 \u00a0 ACCION DE TUTELA-Procedencia excepcional pago de salarios \u00a0 DERECHO AL PAGO OPORTUNO DEL SALARIO-Fundamental \u00a0 DERECHO AL MINIMO VITAL DEL TRABAJADOR-Pago oportuno de salarios \u00a0 Referencia: expediente T-301022 \u00a0 Accionante:\u00a0 \u00a0 \u00a0 \u00a0 \u00a0Orlando Miguel Rojas Guerrero\u00a0 \u00a0 \u00a0 \u00a0 Magistrado Ponente: \u00a0 Dr. ALEJANDRO MARTINEZ CABALLERO \u00a0 Santa Fe de Bogot\u00e1, D.C., \u00a0once (11) de julio de dos mil (2.000). \u00a0 La Sala Sexta de Revisi\u00f3n de la Corte Constitucional, integrada por los Magistrados doctores Alejandro Mart\u00ednez Caballero, Fabio Mor\u00f3n D\u00edaz y Vladimiro Naranjo Mesa, en ejercicio de sus competencias constitucionales y legales, ha ...<br \/><div class=\"pt-cv-rmwrap\"><a href=\"https:\/\/www.dmsjuridica.com\/buscador_20179478954\/corteconstitucionalcronologico202454587\/t-869-00\/\" class=\"_self pt-cv-readmore btn btn-success\" target=\"_self\">Ver Sentencia Completa...<\/a><\/div><\/div><\/div><\/div>\n<div class=\"col-md-12 col-sm-12 col-xs-12 pt-cv-content-item pt-cv-1-col\" ><div class='pt-cv-ifield'><a href=\"https:\/\/www.dmsjuridica.com\/buscador_20179478954\/corteconstitucionalcronologico202454587\/t-868-00\/\" class=\"_self pt-cv-href-thumbnail pt-cv-thumb-default\" target=\"_self\" ><\/a>\n<div class=\"pt-cv-taxoterm above_title\"><a href='https:\/\/www.dmsjuridica.com\/buscador_20179478954\/corteconstitucionalcronologico202454587\/category\/buscar-en-toda-la-corte\/2000\/tutelas-2000\/' title='Tutelas 2000' class='pt-cv-tax-tutelas-2000'>Tutelas 2000<\/a><\/div>\n<h4 class=\"pt-cv-title\"><a href=\"https:\/\/www.dmsjuridica.com\/buscador_20179478954\/corteconstitucionalcronologico202454587\/t-868-00\/\" class=\"_self\" target=\"_self\" >T-868-00<\/a><\/h4>\n<div class=\"pt-cv-content\">\u00a0 \u00a0 Sentencia T-868\/00 \u00a0 MUJER EMBARAZADA-Protecci\u00f3n constitucional \u00a0 SERVICIO DOMESTICO-Trabajadora no puede ser maltratada ni discriminada\/ACCION DE TUTELA-Hecho superado \u00a0 Es evidente reconocer que una trabajadora del servicio dom\u00e9stico, no puede ser en modo alguno sometida a maltratos \u00a0por parte de sus empleadores, ni tampoco sometida a situaciones de discriminaci\u00f3n, \u00a0por causa de su embarazo. Para el caso que nos ocupa, es indudable que no s\u00f3lo probatoriamente no est\u00e1n demostrados los hechos del maltrato que indica haber padecido la peticionaria, sino que adicionalmente, de haber existido tales hechos, ellos se encuentran evidentemente superados, precisamente porque el contrato celebrado con ...<br \/><div class=\"pt-cv-rmwrap\"><a href=\"https:\/\/www.dmsjuridica.com\/buscador_20179478954\/corteconstitucionalcronologico202454587\/t-868-00\/\" class=\"_self pt-cv-readmore btn btn-success\" target=\"_self\">Ver Sentencia Completa...<\/a><\/div><\/div><\/div><\/div>\n<div class=\"col-md-12 col-sm-12 col-xs-12 pt-cv-content-item pt-cv-1-col\" ><div class='pt-cv-ifield'><a href=\"https:\/\/www.dmsjuridica.com\/buscador_20179478954\/corteconstitucionalcronologico202454587\/t-867-00\/\" class=\"_self pt-cv-href-thumbnail pt-cv-thumb-default\" target=\"_self\" ><\/a>\n<div class=\"pt-cv-taxoterm above_title\"><a href='https:\/\/www.dmsjuridica.com\/buscador_20179478954\/corteconstitucionalcronologico202454587\/category\/buscar-en-toda-la-corte\/2000\/tutelas-2000\/' title='Tutelas 2000' class='pt-cv-tax-tutelas-2000'>Tutelas 2000<\/a><\/div>\n<h4 class=\"pt-cv-title\"><a href=\"https:\/\/www.dmsjuridica.com\/buscador_20179478954\/corteconstitucionalcronologico202454587\/t-867-00\/\" class=\"_self\" target=\"_self\" >T-867-00<\/a><\/h4>\n<div class=\"pt-cv-content\">\u00a0 \u00a0 Sentencia T-867\/00 \u00a0 PERSONERO MUNICIPAL-Legitimaci\u00f3n para interponer tutela \u00a0 DERECHO DE PETICION-Alcance\/DERECHO DE PETICION-N\u00facleo esencial \u00a0 Referencia: expediente T-249.713 \u00a0 Peticionario: Henry Bola\u00f1os Daza y Otros \u00a0 Magistrado Ponente:\u00a0 \u00a0 Dr. ALEJANDRO MART\u00cdNEZ CABALLERO \u00a0 Santa Fe de Bogot\u00e1, once (11) de julio de dos mil (2000) \u00a0 La Sala Sexta de Revisi\u00f3n de la Corte Constitucional, en ejercicio de sus competencias constitucionales y legales, ha proferido Sentencia en la acci\u00f3n de tutela interpuesta por el Personero de Bol\u00edvar (Cauca), en representaci\u00f3n de los se\u00f1ores Henry Bola\u00f1os Daza, C\u00e9sar Gentil Dorado Garc\u00e9s y Francisco Javier Dorado Garc\u00e9s; contra ...<br \/><div class=\"pt-cv-rmwrap\"><a href=\"https:\/\/www.dmsjuridica.com\/buscador_20179478954\/corteconstitucionalcronologico202454587\/t-867-00\/\" class=\"_self pt-cv-readmore btn btn-success\" target=\"_self\">Ver Sentencia Completa...<\/a><\/div><\/div><\/div><\/div>\n<div class=\"col-md-12 col-sm-12 col-xs-12 pt-cv-content-item pt-cv-1-col\" ><div class='pt-cv-ifield'><a href=\"https:\/\/www.dmsjuridica.com\/buscador_20179478954\/corteconstitucionalcronologico202454587\/t-866-00\/\" class=\"_self pt-cv-href-thumbnail pt-cv-thumb-default\" target=\"_self\" ><\/a>\n<div class=\"pt-cv-taxoterm above_title\"><a href='https:\/\/www.dmsjuridica.com\/buscador_20179478954\/corteconstitucionalcronologico202454587\/category\/buscar-en-toda-la-corte\/2000\/tutelas-2000\/' title='Tutelas 2000' class='pt-cv-tax-tutelas-2000'>Tutelas 2000<\/a><\/div>\n<h4 class=\"pt-cv-title\"><a href=\"https:\/\/www.dmsjuridica.com\/buscador_20179478954\/corteconstitucionalcronologico202454587\/t-866-00\/\" class=\"_self\" target=\"_self\" >T-866-00<\/a><\/h4>\n<div class=\"pt-cv-content\">\u00a0 \u00a0 Sentencia T-866\/00 \u00a0 ACCION DE TUTELA-Procedencia excepcional pago de acreencias laborales \u00a0 DERECHO AL MINIMO VITAL DEL TRABAJADOR-Pago oportuno de salarios \u00a0 EMPLEADOR-Situaci\u00f3n econ\u00f3mica o presupuestal no es \u00f3bice para desconocer pago de salarios \u00a0 PARTIDA PRESUPUESTAL-Gestiones de modificaci\u00f3n para pago de salarios \u00a0 Referencia: expediente T-301.501 \u00a0 Peticionario: Gustavo Adolfo Segovia Paz \u00a0 Magistrado Ponente:\u00a0 \u00a0 Dr. ALEJANDRO MART\u00cdNEZ CABALLERO \u00a0 La Sala Sexta de Revisi\u00f3n de la Corte Constitucional, en ejercicio de sus competencias constitucionales y legales, ha proferido Sentencia en la acci\u00f3n de tutela interpuesta por Gustavo Adolfo Segovia Paz contra el Alcalde de Palmira ...<br \/><div class=\"pt-cv-rmwrap\"><a href=\"https:\/\/www.dmsjuridica.com\/buscador_20179478954\/corteconstitucionalcronologico202454587\/t-866-00\/\" class=\"_self pt-cv-readmore btn btn-success\" target=\"_self\">Ver Sentencia Completa...<\/a><\/div><\/div><\/div><\/div>\n<div class=\"col-md-12 col-sm-12 col-xs-12 pt-cv-content-item pt-cv-1-col\" ><div class='pt-cv-ifield'><a href=\"https:\/\/www.dmsjuridica.com\/buscador_20179478954\/corteconstitucionalcronologico202454587\/t-865-00\/\" class=\"_self pt-cv-href-thumbnail pt-cv-thumb-default\" target=\"_self\" ><\/a>\n<div class=\"pt-cv-taxoterm above_title\"><a href='https:\/\/www.dmsjuridica.com\/buscador_20179478954\/corteconstitucionalcronologico202454587\/category\/buscar-en-toda-la-corte\/2000\/tutelas-2000\/' title='Tutelas 2000' class='pt-cv-tax-tutelas-2000'>Tutelas 2000<\/a><\/div>\n<h4 class=\"pt-cv-title\"><a href=\"https:\/\/www.dmsjuridica.com\/buscador_20179478954\/corteconstitucionalcronologico202454587\/t-865-00\/\" class=\"_self\" target=\"_self\" >T-865-00<\/a><\/h4>\n<div class=\"pt-cv-content\">\u00a0 \u00a0 Sentencia T-865\/00 \u00a0 ACCION DE TUTELA-Procedencia excepcional pago de acreencias laborales\/DERECHO AL MINIMO VITAL DEL TRABAJADOR-Pago oportuno de salarios \u00a0 EMPLEADOR-Situaci\u00f3n econ\u00f3mica o presupuestal no es \u00f3bice para desconocer pago de salarios \u00a0 Referencia: expediente T-301209 \u00a0 Accionante: Marbel Luz Moreno Ruiz \u00a0 \u00a0 \u00a0 Magistrado Ponente: \u00a0 Dr. ALEJANDRO MARTINEZ CABALLERO \u00a0 Santa Fe de Bogot\u00e1, D.C., once (11) de julio de dos mil (2000). \u00a0 La Sala Sexta de Revisi\u00f3n de la Corte Constitucional, integrada por los Magistrados doctores Alejandro Mart\u00ednez Caballero, Fabio Mor\u00f3n D\u00edaz y Vladimiro Naranjo Mesa, en ejercicio de sus competencias constitucionales y ...<br \/><div class=\"pt-cv-rmwrap\"><a href=\"https:\/\/www.dmsjuridica.com\/buscador_20179478954\/corteconstitucionalcronologico202454587\/t-865-00\/\" class=\"_self pt-cv-readmore btn btn-success\" target=\"_self\">Ver Sentencia Completa...<\/a><\/div><\/div><\/div><\/div>\n<div class=\"col-md-12 col-sm-12 col-xs-12 pt-cv-content-item pt-cv-1-col\" ><div class='pt-cv-ifield'><a href=\"https:\/\/www.dmsjuridica.com\/buscador_20179478954\/corteconstitucionalcronologico202454587\/t-864-00\/\" class=\"_self pt-cv-href-thumbnail pt-cv-thumb-default\" target=\"_self\" ><\/a>\n<div class=\"pt-cv-taxoterm above_title\"><a href='https:\/\/www.dmsjuridica.com\/buscador_20179478954\/corteconstitucionalcronologico202454587\/category\/buscar-en-toda-la-corte\/2000\/tutelas-2000\/' title='Tutelas 2000' class='pt-cv-tax-tutelas-2000'>Tutelas 2000<\/a><\/div>\n<h4 class=\"pt-cv-title\"><a href=\"https:\/\/www.dmsjuridica.com\/buscador_20179478954\/corteconstitucionalcronologico202454587\/t-864-00\/\" class=\"_self\" target=\"_self\" >T-864-00<\/a><\/h4>\n<div class=\"pt-cv-content\">\u00a0 \u00a0 Sentencia T-864\/00 \u00a0 EDUCACION-Funci\u00f3n social\/EDUCACION-Derecho prestacional\/EDUCACION-Derecho deber \u00a0 EDUCACION-Obligaci\u00f3n de la sociedad \u00a0 EDUCACION-Responsabilidad de padres en costearla \u00a0 DERECHO A LA EDUCACION DEL NI\u00d1O-Prohibici\u00f3n de retiro de clases por no pago de pensiones \u00a0 DERECHO A LA EDUCACION-Padres de familia no pueden abusar de sus derechos e incurrir en cultura del no pago \u00a0 Referencia: expediente T-301199 \u00a0 Accionante: Gumersindo Medina. \u00a0 Accionado: Colegio Parroquial San Luis Gonzaga. \u00a0 Magistrado Ponente: \u00a0 Dr. ALEJANDRO MARTINEZ CABALLERO \u00a0 La Sala Sexta de Revisi\u00f3n de la Corte Constitucional, integrada por los Magistrados doctores Fabio Mor\u00f3n D\u00edaz, Vladimiro Naranjo Mesa ...<br \/><div class=\"pt-cv-rmwrap\"><a href=\"https:\/\/www.dmsjuridica.com\/buscador_20179478954\/corteconstitucionalcronologico202454587\/t-864-00\/\" class=\"_self pt-cv-readmore btn btn-success\" target=\"_self\">Ver Sentencia Completa...<\/a><\/div><\/div><\/div><\/div>\n<div class=\"col-md-12 col-sm-12 col-xs-12 pt-cv-content-item pt-cv-1-col\" ><div class='pt-cv-ifield'><a href=\"https:\/\/www.dmsjuridica.com\/buscador_20179478954\/corteconstitucionalcronologico202454587\/t-863-00\/\" class=\"_self pt-cv-href-thumbnail pt-cv-thumb-default\" target=\"_self\" ><\/a>\n<div class=\"pt-cv-taxoterm above_title\"><a href='https:\/\/www.dmsjuridica.com\/buscador_20179478954\/corteconstitucionalcronologico202454587\/category\/buscar-en-toda-la-corte\/2000\/tutelas-2000\/' title='Tutelas 2000' class='pt-cv-tax-tutelas-2000'>Tutelas 2000<\/a><\/div>\n<h4 class=\"pt-cv-title\"><a href=\"https:\/\/www.dmsjuridica.com\/buscador_20179478954\/corteconstitucionalcronologico202454587\/t-863-00\/\" class=\"_self\" target=\"_self\" >T-863-00<\/a><\/h4>\n<div class=\"pt-cv-content\">\u00a0 \u00a0 Sentencia T-863\/00 \u00a0 ACCION DE CUMPLIMIENTO-Finalidad \u00a0 ACCION DE CUMPLIMIENTO-Improcedencia para protecci\u00f3n de derechos fundamentales \u00a0 El art\u00edculo 9\u00ba de la Ley 393 de 1997 dispone la improcedencia de la acci\u00f3n de cumplimiento cuando se pretende la protecci\u00f3n de derechos fundamentales, puesto que para ello la Constituci\u00f3n consagr\u00f3 la acci\u00f3n de tutela como el medio judicial expedito de protecci\u00f3n. Por ende, es cierto que la garant\u00eda del derecho de petici\u00f3n que solicita el apoderado del demandante, no puede ordenarse por medio de la acci\u00f3n de cumplimiento. Sin embargo, lo anterior no significa que el juez constitucional deba rechazar ...<br \/><div class=\"pt-cv-rmwrap\"><a href=\"https:\/\/www.dmsjuridica.com\/buscador_20179478954\/corteconstitucionalcronologico202454587\/t-863-00\/\" class=\"_self pt-cv-readmore btn btn-success\" target=\"_self\">Ver Sentencia Completa...<\/a><\/div><\/div><\/div><\/div>\n<div class=\"col-md-12 col-sm-12 col-xs-12 pt-cv-content-item pt-cv-1-col\" ><div class='pt-cv-ifield'><a href=\"https:\/\/www.dmsjuridica.com\/buscador_20179478954\/corteconstitucionalcronologico202454587\/t-862-00\/\" class=\"_self pt-cv-href-thumbnail pt-cv-thumb-default\" target=\"_self\" ><\/a>\n<div class=\"pt-cv-taxoterm above_title\"><a href='https:\/\/www.dmsjuridica.com\/buscador_20179478954\/corteconstitucionalcronologico202454587\/category\/buscar-en-toda-la-corte\/2000\/tutelas-2000\/' title='Tutelas 2000' class='pt-cv-tax-tutelas-2000'>Tutelas 2000<\/a><\/div>\n<h4 class=\"pt-cv-title\"><a href=\"https:\/\/www.dmsjuridica.com\/buscador_20179478954\/corteconstitucionalcronologico202454587\/t-862-00\/\" class=\"_self\" target=\"_self\" >T-862-00<\/a><\/h4>\n<div class=\"pt-cv-content\">\u00a0 \u00a0 Sentencia T-862\/00 \u00a0 DERECHO AL PAGO OPORTUNO DEL SALARIO-Fundamental\/EMPLEADOR-Situaci\u00f3n econ\u00f3mica o presupuestal no es \u00f3bice para desconocer pago de salarios \u00a0 REMUNERACION MINIMA VITAL Y MOVIL-Alcance \u00a0 Referencia: expedientes T-300.679, T-300.680 y T-301.337 (acumulados) \u00a0 Peticionarios: Fabiola Molina Rosado y Otros \u00a0 Magistrado Ponente:\u00a0 \u00a0 Dr. ALEJANDRO MART\u00cdNEZ CABALLERO \u00a0 Santa Fe de Bogot\u00e1, once (11) de julio de dos mil (2000) \u00a0 La Sala Sexta de Revisi\u00f3n de la Corte Constitucional, en ejercicio de sus competencias constitucionales y legales, ha proferido Sentencia en las acciones de tutela interpuestas, en forma independiente, por Fabiola Molina Rosado, Debbie Howard ...<br \/><div class=\"pt-cv-rmwrap\"><a href=\"https:\/\/www.dmsjuridica.com\/buscador_20179478954\/corteconstitucionalcronologico202454587\/t-862-00\/\" class=\"_self pt-cv-readmore btn btn-success\" target=\"_self\">Ver Sentencia Completa...<\/a><\/div><\/div><\/div><\/div>\n<div class=\"col-md-12 col-sm-12 col-xs-12 pt-cv-content-item pt-cv-1-col\" ><div class='pt-cv-ifield'><a href=\"https:\/\/www.dmsjuridica.com\/buscador_20179478954\/corteconstitucionalcronologico202454587\/t-861-00\/\" class=\"_self pt-cv-href-thumbnail pt-cv-thumb-default\" target=\"_self\" ><\/a>\n<div class=\"pt-cv-taxoterm above_title\"><a href='https:\/\/www.dmsjuridica.com\/buscador_20179478954\/corteconstitucionalcronologico202454587\/category\/buscar-en-toda-la-corte\/2000\/tutelas-2000\/' title='Tutelas 2000' class='pt-cv-tax-tutelas-2000'>Tutelas 2000<\/a><\/div>\n<h4 class=\"pt-cv-title\"><a href=\"https:\/\/www.dmsjuridica.com\/buscador_20179478954\/corteconstitucionalcronologico202454587\/t-861-00\/\" class=\"_self\" target=\"_self\" >T-861-00<\/a><\/h4>\n<div class=\"pt-cv-content\">\u00a0 \u00a0 Sentencia T-861\/00 \u00a0 ACCION DE TUTELA-Procedencia excepcional pago de acreencias laborales\/DERECHO AL PAGO OPORTUNO DEL SALARIO-Fundamental \u00a0 DERECHO AL MINIMO VITAL DEL TRABAJADOR-Pago oportuno de salarios \u00a0 DERECHO AL PAGO OPORTUNO DEL SALARIO-Determinaci\u00f3n de cantidades debidas y \u00f3rdenes del juez \u00a0 Referencia: expediente T- 300933 \u00a0 \u00a0 \u00a0 Acci\u00f3n de tutela instaurada por Eligio Severiche contra el Municipio de San Benito Abad. \u00a0 Procedencia: Juez Promiscuo Municipal de San Benito Abad \u00a0 Dr. ALEJANDRO MARTINEZ CABALLERO \u00a0 Santa Fe de Bogot\u00e1, D.C., once (11) de julio del dos mil (2.000). \u00a0 La Sala Sexta de Revisi\u00f3n de la ...<br \/><div class=\"pt-cv-rmwrap\"><a href=\"https:\/\/www.dmsjuridica.com\/buscador_20179478954\/corteconstitucionalcronologico202454587\/t-861-00\/\" class=\"_self pt-cv-readmore btn btn-success\" target=\"_self\">Ver Sentencia Completa...<\/a><\/div><\/div><\/div><\/div>\n<div class=\"col-md-12 col-sm-12 col-xs-12 pt-cv-content-item pt-cv-1-col\" ><div class='pt-cv-ifield'><a href=\"https:\/\/www.dmsjuridica.com\/buscador_20179478954\/corteconstitucionalcronologico202454587\/t-860-00\/\" class=\"_self pt-cv-href-thumbnail pt-cv-thumb-default\" target=\"_self\" ><\/a>\n<div class=\"pt-cv-taxoterm above_title\"><a href='https:\/\/www.dmsjuridica.com\/buscador_20179478954\/corteconstitucionalcronologico202454587\/category\/buscar-en-toda-la-corte\/2000\/tutelas-2000\/' title='Tutelas 2000' class='pt-cv-tax-tutelas-2000'>Tutelas 2000<\/a><\/div>\n<h4 class=\"pt-cv-title\"><a href=\"https:\/\/www.dmsjuridica.com\/buscador_20179478954\/corteconstitucionalcronologico202454587\/t-860-00\/\" class=\"_self\" target=\"_self\" >T-860-00<\/a><\/h4>\n<div class=\"pt-cv-content\">\u00a0 \u00a0 Sentencia T-860\/00 \u00a0 ACCION DE TUTELA-Procedencia excepcional pago de acreencias laborales \u00a0 DERECHO AL PAGO OPORTUNO DEL SALARIO-Fundamental \u00a0 DERECHO AL MINIMO VITAL DEL TRABAJADOR-Pago oportuno de salarios \u00a0 EMPLEADOR-Crisis econ\u00f3mica o presupuestal no es \u00f3bice para desconocer pago de salarios \u00a0 PARTIDA PRESUPUESTAL-Gestiones de modificaci\u00f3n para pago de salarios \u00a0 Referencia: expediente T-301085 y T-301087 \u00a0 \u00a0Accionante:\u00a0 \u00a0 \u00a0 \u00a0 \u00a0Huverley Ospina Correa y Danilo Marmolejo Ram\u00edrez.\u00a0 \u00a0 \u00a0 \u00a0 Magistrado Ponente: \u00a0 Dr. ALEJANDRO MARTINEZ CABALLERO \u00a0 Santa Fe de Bogot\u00e1, D.C., once (11) de julio de dos mil (2.000). \u00a0 La Sala Sexta de Revisi\u00f3n ...<br \/><div class=\"pt-cv-rmwrap\"><a href=\"https:\/\/www.dmsjuridica.com\/buscador_20179478954\/corteconstitucionalcronologico202454587\/t-860-00\/\" class=\"_self pt-cv-readmore btn btn-success\" target=\"_self\">Ver Sentencia Completa...<\/a><\/div><\/div><\/div><\/div>\n<div class=\"col-md-12 col-sm-12 col-xs-12 pt-cv-content-item pt-cv-1-col\" ><div class='pt-cv-ifield'><a href=\"https:\/\/www.dmsjuridica.com\/buscador_20179478954\/corteconstitucionalcronologico202454587\/t-859-00\/\" class=\"_self pt-cv-href-thumbnail pt-cv-thumb-default\" target=\"_self\" ><\/a>\n<div class=\"pt-cv-taxoterm above_title\"><a href='https:\/\/www.dmsjuridica.com\/buscador_20179478954\/corteconstitucionalcronologico202454587\/category\/buscar-en-toda-la-corte\/2000\/tutelas-2000\/' title='Tutelas 2000' class='pt-cv-tax-tutelas-2000'>Tutelas 2000<\/a><\/div>\n<h4 class=\"pt-cv-title\"><a href=\"https:\/\/www.dmsjuridica.com\/buscador_20179478954\/corteconstitucionalcronologico202454587\/t-859-00\/\" class=\"_self\" target=\"_self\" >T-859-00<\/a><\/h4>\n<div class=\"pt-cv-content\">\u00a0 \u00a0 Sentencia T-859\/00 \u00a0 ACCION DE TUTELA-Procedencia excepcional pago de acreencias laborales \u00a0 DERECHO AL PAGO OPORTUNO DEL SALARIO-Fundamental \u00a0 ACCION DE TUTELA COMO MECANISMO TRANSITORIO-Pago de salarios en mora \u00a0 EMPLEADOR-Situaci\u00f3n econ\u00f3mica o presupuestal no es \u00f3bice para desconocer pago de salarios \u00a0 Referencia: expediente T-300713 \u00a0 Procedencia: Juzgado Segundo Penal del Circuito de Turbo, Antioquia.\u00a0 \u00a0 \u00a0 \u00a0 Actor: Emiliano Roma\u00f1a Cordoba \u00a0 Magistrado Ponente: \u00a0 Dr. ALEJANDRO MARTINEZ CABALLERO \u00a0 Santa Fe de Bogot\u00e1, D.C., once (11) de julio de dos mil (2.000). \u00a0 La Sala Sexta de Revisi\u00f3n de la Corte Constitucional, integrada por los ...<br \/><div class=\"pt-cv-rmwrap\"><a href=\"https:\/\/www.dmsjuridica.com\/buscador_20179478954\/corteconstitucionalcronologico202454587\/t-859-00\/\" class=\"_self pt-cv-readmore btn btn-success\" target=\"_self\">Ver Sentencia Completa...<\/a><\/div><\/div><\/div><\/div>\n<div class=\"col-md-12 col-sm-12 col-xs-12 pt-cv-content-item pt-cv-1-col\" ><div class='pt-cv-ifield'><a href=\"https:\/\/www.dmsjuridica.com\/buscador_20179478954\/corteconstitucionalcronologico202454587\/t-858-00\/\" class=\"_self pt-cv-href-thumbnail pt-cv-thumb-default\" target=\"_self\" ><\/a>\n<div class=\"pt-cv-taxoterm above_title\"><a href='https:\/\/www.dmsjuridica.com\/buscador_20179478954\/corteconstitucionalcronologico202454587\/category\/buscar-en-toda-la-corte\/2000\/tutelas-2000\/' title='Tutelas 2000' class='pt-cv-tax-tutelas-2000'>Tutelas 2000<\/a><\/div>\n<h4 class=\"pt-cv-title\"><a href=\"https:\/\/www.dmsjuridica.com\/buscador_20179478954\/corteconstitucionalcronologico202454587\/t-858-00\/\" class=\"_self\" target=\"_self\" >T-858-00<\/a><\/h4>\n<div class=\"pt-cv-content\">\u00a0 \u00a0 Sentencia T-858\/00 \u00a0 ACCION DE TUTELA-Improcedencia general pago de acreencias laborales \u00a0 Referencia: expediente T- 301599 \u00a0 \u00a0 \u00a0 Acci\u00f3n de tutela instaurada por Cleofe Verjan contra el Fondo Educativo Regional de Cundinamarca. \u00a0 Procedencia: Sala Laboral del Tribunal Superior de Santaf\u00e9 de Bogot\u00e1 \u00a0 Magistrado Ponente: \u00a0 Dr. ALEJANDRO MARTINEZ CABALLERO \u00a0 Santa Fe de Bogot\u00e1, D.C., once (11) de julio del dos mil (2.000). \u00a0 La Sala Sexta de Revisi\u00f3n de la Corte Constitucional, integrada por los Magistrados doctores Alejandro Mart\u00ednez Caballero, Fabio Mor\u00f3n D\u00edaz y Vladimiro Naranjo Mesa, en ejercicio de sus competencias constitucionales y ...<br \/><div class=\"pt-cv-rmwrap\"><a href=\"https:\/\/www.dmsjuridica.com\/buscador_20179478954\/corteconstitucionalcronologico202454587\/t-858-00\/\" class=\"_self pt-cv-readmore btn btn-success\" target=\"_self\">Ver Sentencia Completa...<\/a><\/div><\/div><\/div><\/div>\n<div class=\"col-md-12 col-sm-12 col-xs-12 pt-cv-content-item pt-cv-1-col\" ><div class='pt-cv-ifield'><a href=\"https:\/\/www.dmsjuridica.com\/buscador_20179478954\/corteconstitucionalcronologico202454587\/t-857-00\/\" class=\"_self pt-cv-href-thumbnail pt-cv-thumb-default\" target=\"_self\" ><\/a>\n<div class=\"pt-cv-taxoterm above_title\"><a href='https:\/\/www.dmsjuridica.com\/buscador_20179478954\/corteconstitucionalcronologico202454587\/category\/buscar-en-toda-la-corte\/2000\/tutelas-2000\/' title='Tutelas 2000' class='pt-cv-tax-tutelas-2000'>Tutelas 2000<\/a><\/div>\n<h4 class=\"pt-cv-title\"><a href=\"https:\/\/www.dmsjuridica.com\/buscador_20179478954\/corteconstitucionalcronologico202454587\/t-857-00\/\" class=\"_self\" target=\"_self\" >T-857-00<\/a><\/h4>\n<div class=\"pt-cv-content\">\u00a0 \u00a0 Sentencia T-857\/00 \u00a0 ACCION DE TUTELA-Procedencia excepcional pago de acreencias laborales \u00a0 DERECHO AL PAGO OPORTUNO DEL SALARIO-Fundamental \u00a0 ACCION DE TUTELA COMO MECANISMO TRANSITORIO-Pago de salarios en mora \u00a0 EMPLEADOR-Situaci\u00f3n econ\u00f3mica o presupuestal no es \u00f3bice para desconocer pago de salarios \u00a0 Referencia: expedientes T-300708 y 300711 acumulados \u00a0 Procedencia: Juzgado Civil del Circuito de Turbo\u00a0 \u00a0 \u00a0 \u00a0 Actor: Jos\u00e9 Leopoldo Corrales Cuesta y Mirl\u00fan Roma\u00f1a \u00a0 Magistrado Ponente: \u00a0 Dr. ALEJANDRO MARTINEZ CABALLERO \u00a0 Santa Fe de Bogot\u00e1, D.C., \u00a0once (11) de julio de dos mil (2.000). \u00a0 La Sala Sexta de Revisi\u00f3n de la ...<br \/><div class=\"pt-cv-rmwrap\"><a href=\"https:\/\/www.dmsjuridica.com\/buscador_20179478954\/corteconstitucionalcronologico202454587\/t-857-00\/\" class=\"_self pt-cv-readmore btn btn-success\" target=\"_self\">Ver Sentencia Completa...<\/a><\/div><\/div><\/div><\/div>\n<div class=\"col-md-12 col-sm-12 col-xs-12 pt-cv-content-item pt-cv-1-col\" ><div class='pt-cv-ifield'><a href=\"https:\/\/www.dmsjuridica.com\/buscador_20179478954\/corteconstitucionalcronologico202454587\/t-856-00\/\" class=\"_self pt-cv-href-thumbnail pt-cv-thumb-default\" target=\"_self\" ><\/a>\n<div class=\"pt-cv-taxoterm above_title\"><a href='https:\/\/www.dmsjuridica.com\/buscador_20179478954\/corteconstitucionalcronologico202454587\/category\/buscar-en-toda-la-corte\/2000\/tutelas-2000\/' title='Tutelas 2000' class='pt-cv-tax-tutelas-2000'>Tutelas 2000<\/a><\/div>\n<h4 class=\"pt-cv-title\"><a href=\"https:\/\/www.dmsjuridica.com\/buscador_20179478954\/corteconstitucionalcronologico202454587\/t-856-00\/\" class=\"_self\" target=\"_self\" >T-856-00<\/a><\/h4>\n<div class=\"pt-cv-content\">\u00a0 \u00a0 Sentencia T-856\/00 \u00a0 HABEAS DATA-N\u00facleo esencial \u00a0 DERECHO A LA INFORMACION-No es absoluto\/DERECHO A LA INFORMACION-Veraz e imparcial \u00a0 El derecho a la informaci\u00f3n no es absoluto, de donde resulta que puede ser utilizado para revelar datos que lesionen la honra y el buen nombre de las personas. La informaci\u00f3n, en los t\u00e9rminos del ordenamiento superior, debe corresponder a la verdad, ser ver\u00eddica e imparcial, pues no existe derecho a dirigir informaciones que no sean ciertas y objetivas. En este sentido, a juicio de la Corte, mientras las informaciones sobre un deudor sean fidedignas, ver\u00eddicas y completas, no ...<br \/><div class=\"pt-cv-rmwrap\"><a href=\"https:\/\/www.dmsjuridica.com\/buscador_20179478954\/corteconstitucionalcronologico202454587\/t-856-00\/\" class=\"_self pt-cv-readmore btn btn-success\" target=\"_self\">Ver Sentencia Completa...<\/a><\/div><\/div><\/div><\/div>\n<div class=\"col-md-12 col-sm-12 col-xs-12 pt-cv-content-item pt-cv-1-col\" ><div class='pt-cv-ifield'><a href=\"https:\/\/www.dmsjuridica.com\/buscador_20179478954\/corteconstitucionalcronologico202454587\/t-855-00\/\" class=\"_self pt-cv-href-thumbnail pt-cv-thumb-default\" target=\"_self\" ><\/a>\n<div class=\"pt-cv-taxoterm above_title\"><a href='https:\/\/www.dmsjuridica.com\/buscador_20179478954\/corteconstitucionalcronologico202454587\/category\/buscar-en-toda-la-corte\/2000\/tutelas-2000\/' title='Tutelas 2000' class='pt-cv-tax-tutelas-2000'>Tutelas 2000<\/a><\/div>\n<h4 class=\"pt-cv-title\"><a href=\"https:\/\/www.dmsjuridica.com\/buscador_20179478954\/corteconstitucionalcronologico202454587\/t-855-00\/\" class=\"_self\" target=\"_self\" >T-855-00<\/a><\/h4>\n<div class=\"pt-cv-content\">\u00a0 \u00a0 Sentencia T-855\/00 \u00a0 ACCION DE TUTELA-Carencia actual de objeto \u00a0 Referencia: expediente T-300065 \u00a0 Acci\u00f3n de tutela instaurada por Mar\u00eda Fernanda Henao Urbano contra Instituto de Seguros Sociales, E.P.S. \u00a0 \u00a0 \u00a0 \u00a0 \u00a0 \u00a0 \u00a0 \u00a0 \u00a0 \u00a0 \u00a0 \u00a0 \u00a0 \u00a0 \u00a0 \u00a0 \u00a0 \u00a0 \u00a0 \u00a0 \u00a0 \u00a0 \u00a0 \u00a0 \u00a0 \u00a0 \u00a0 \u00a0 \u00a0 \u00a0 \u00a0 \u00a0 \u00a0 \u00a0 \u00a0 \u00a0 \u00a0 \u00a0 \u00a0 \u00a0 \u00a0 \u00a0 \u00a0 \u00a0 \u00a0 \u00a0 \u00a0 \u00a0 \u00a0 \u00a0 \u00a0 \u00a0 \u00a0 \u00a0 \u00a0 \u00a0 \u00a0 \u00a0 \u00a0 \u00a0 \u00a0 \u00a0 \u00a0 \u00a0 \u00a0 \u00a0 \u00a0 \u00a0 \u00a0 ...<br \/><div class=\"pt-cv-rmwrap\"><a href=\"https:\/\/www.dmsjuridica.com\/buscador_20179478954\/corteconstitucionalcronologico202454587\/t-855-00\/\" class=\"_self pt-cv-readmore btn btn-success\" target=\"_self\">Ver Sentencia Completa...<\/a><\/div><\/div><\/div><\/div>\n<div class=\"col-md-12 col-sm-12 col-xs-12 pt-cv-content-item pt-cv-1-col\" ><div class='pt-cv-ifield'><a href=\"https:\/\/www.dmsjuridica.com\/buscador_20179478954\/corteconstitucionalcronologico202454587\/t-854-00\/\" class=\"_self pt-cv-href-thumbnail pt-cv-thumb-default\" target=\"_self\" ><\/a>\n<div class=\"pt-cv-taxoterm above_title\"><a href='https:\/\/www.dmsjuridica.com\/buscador_20179478954\/corteconstitucionalcronologico202454587\/category\/buscar-en-toda-la-corte\/2000\/tutelas-2000\/' title='Tutelas 2000' class='pt-cv-tax-tutelas-2000'>Tutelas 2000<\/a><\/div>\n<h4 class=\"pt-cv-title\"><a href=\"https:\/\/www.dmsjuridica.com\/buscador_20179478954\/corteconstitucionalcronologico202454587\/t-854-00\/\" class=\"_self\" target=\"_self\" >T-854-00<\/a><\/h4>\n<div class=\"pt-cv-content\">\u00a0 \u00a0 Sentencia T-854\/00 \u00a0 SISTEMA DE CARRERA-M\u00e9rito como elemento esencial \u00a0 CARRERA ADMINISTRATIVA-Provisi\u00f3n de vacantes atendiendo lista de elegibles \u00a0 Referencia: expediente T-291035 \u00a0 Acci\u00f3n de tutela instaurada por Yolanda Mafla Bravo contra Instituto Colombiano de Bienestar Familiar. \u00a0 Magistrado Ponente: \u00a0 Dr. FABIO MORON DIAZ\u00a0 \u00a0 Santaf\u00e9 de Bogot\u00e1, D.C., julio diez (10) del a\u00f1o dos mil (2000) \u00a0\u00a0 \u00a0 \u00a0 \u00a0 La Sala S\u00e9ptima de Revisi\u00f3n de Tutelas de la Corte Constitucional, integrada por los Magistrados VLADIMIRO NARANJO MESA, ALVARO TAFUR GALVIS y FABIO MORON DIAZ, en ejercicio de sus competencias constitucionales y legales, ha proferido la ...<br \/><div class=\"pt-cv-rmwrap\"><a href=\"https:\/\/www.dmsjuridica.com\/buscador_20179478954\/corteconstitucionalcronologico202454587\/t-854-00\/\" class=\"_self pt-cv-readmore btn btn-success\" target=\"_self\">Ver Sentencia Completa...<\/a><\/div><\/div><\/div><\/div>\n<div class=\"col-md-12 col-sm-12 col-xs-12 pt-cv-content-item pt-cv-1-col\" ><div class='pt-cv-ifield'><a href=\"https:\/\/www.dmsjuridica.com\/buscador_20179478954\/corteconstitucionalcronologico202454587\/t-852-00\/\" class=\"_self pt-cv-href-thumbnail pt-cv-thumb-default\" target=\"_self\" ><\/a>\n<div class=\"pt-cv-taxoterm above_title\"><a href='https:\/\/www.dmsjuridica.com\/buscador_20179478954\/corteconstitucionalcronologico202454587\/category\/buscar-en-toda-la-corte\/2000\/tutelas-2000\/' title='Tutelas 2000' class='pt-cv-tax-tutelas-2000'>Tutelas 2000<\/a><\/div>\n<h4 class=\"pt-cv-title\"><a href=\"https:\/\/www.dmsjuridica.com\/buscador_20179478954\/corteconstitucionalcronologico202454587\/t-852-00\/\" class=\"_self\" target=\"_self\" >T-852-00<\/a><\/h4>\n<div class=\"pt-cv-content\">\u00a0 \u00a0 Sentencia T-852\/00 \u00a0 ACCION DE TUTELA CONTRA PROVIDENCIAS JUDICIALES-Improcedencia general \u00a0 ACCION DE TUTELA CONTRA PROVIDENCIAS JUDICIALES-Procedencia excepcional \u00a0 ACCION DE TUTELA-Subsidiariedad \u00a0 VIA DE HECHO-Clases de defectos en la actuaci\u00f3n\u00a0 \u00a0 RECURSO DE CASACION PENAL-Idoneidad para la protecci\u00f3n de derechos fundamentales\/MEDIO DE DEFENSA JUDICIAL EFICAZ-Improcedencia de tutela \u00a0 El actor contaba con el recurso extraordinario de casaci\u00f3n para alegar los eventuales vicios de nulidad presuntamente producidos durante el proceso penal adelantado en su contra as\u00ed como en la sentencia proferida por el Tribunal impugnada por \u00e9l, con el fin de obtener la primac\u00eda de las garant\u00edas fundamentales ...<br \/><div class=\"pt-cv-rmwrap\"><a href=\"https:\/\/www.dmsjuridica.com\/buscador_20179478954\/corteconstitucionalcronologico202454587\/t-852-00\/\" class=\"_self pt-cv-readmore btn btn-success\" target=\"_self\">Ver Sentencia Completa...<\/a><\/div><\/div><\/div><\/div>\n<div class=\"col-md-12 col-sm-12 col-xs-12 pt-cv-content-item pt-cv-1-col\" ><div class='pt-cv-ifield'><a href=\"https:\/\/www.dmsjuridica.com\/buscador_20179478954\/corteconstitucionalcronologico202454587\/t-851-00\/\" class=\"_self pt-cv-href-thumbnail pt-cv-thumb-default\" target=\"_self\" ><\/a>\n<div class=\"pt-cv-taxoterm above_title\"><a href='https:\/\/www.dmsjuridica.com\/buscador_20179478954\/corteconstitucionalcronologico202454587\/category\/buscar-en-toda-la-corte\/2000\/tutelas-2000\/' title='Tutelas 2000' class='pt-cv-tax-tutelas-2000'>Tutelas 2000<\/a><\/div>\n<h4 class=\"pt-cv-title\"><a href=\"https:\/\/www.dmsjuridica.com\/buscador_20179478954\/corteconstitucionalcronologico202454587\/t-851-00\/\" class=\"_self\" target=\"_self\" >T-851-00<\/a><\/h4>\n<div class=\"pt-cv-content\">\u00a0 \u00a0 Sentencia T-851\/00 \u00a0 ACCION DE TUTELA-Procedencia excepcional pago de acreencias laborales \u00a0 DERECHO AL MINIMO VITAL DEL TRABAJADOR-No afectaci\u00f3n por no pago de primas complementarias de salario a educadores \u00a0 Referencia: expedientes \u00a0 T-291457, T-297679, T-297684, T-299207, T-300660, T-300661, T-300662, T-300663, T-300664, T-300665, T-300666, T-300667, T-300685, T-300686, T-300687, T-300688, T-300689, T-300690, T-300691, T-300811, T-300943, T-300944, T-300945, T-300946, T-300947, T-300948, T-300949, T-300950, T-301187, T-301248, T-301249, T-301250, T-301251, T-301252, T-301253, T-301254, T-301255, T-301256, T-301257, T-301258, T-301313, T-301314, T-301822, T-301933, T-301987, T-302759, T-302761, T-302767, T-302885, T-303160, T-303214, T-303716, T-304424, T-304427, T-305937, T-307745, T-307949, T-307950, T-307951, T-307952, T-308262, T-308336, T-308521, T-308886, T-312478, ...<br \/><div class=\"pt-cv-rmwrap\"><a href=\"https:\/\/www.dmsjuridica.com\/buscador_20179478954\/corteconstitucionalcronologico202454587\/t-851-00\/\" class=\"_self pt-cv-readmore btn btn-success\" target=\"_self\">Ver Sentencia Completa...<\/a><\/div><\/div><\/div><\/div>\n<div class=\"col-md-12 col-sm-12 col-xs-12 pt-cv-content-item pt-cv-1-col\" ><div class='pt-cv-ifield'><a href=\"https:\/\/www.dmsjuridica.com\/buscador_20179478954\/corteconstitucionalcronologico202454587\/t-849-00\/\" class=\"_self pt-cv-href-thumbnail pt-cv-thumb-default\" target=\"_self\" ><\/a>\n<div class=\"pt-cv-taxoterm above_title\"><a href='https:\/\/www.dmsjuridica.com\/buscador_20179478954\/corteconstitucionalcronologico202454587\/category\/buscar-en-toda-la-corte\/2000\/tutelas-2000\/' title='Tutelas 2000' class='pt-cv-tax-tutelas-2000'>Tutelas 2000<\/a><\/div>\n<h4 class=\"pt-cv-title\"><a href=\"https:\/\/www.dmsjuridica.com\/buscador_20179478954\/corteconstitucionalcronologico202454587\/t-849-00\/\" class=\"_self\" target=\"_self\" >T-849-00<\/a><\/h4>\n<div class=\"pt-cv-content\">\u00a0 \u00a0 Sentencia T-849\/00 \u00a0 VIA DE HECHO-Improcedencia \u00a0 Referencia: expediente T-300.350 \u00a0 Acci\u00f3n de tutela contra la Sala Laboral del Tribunal Superior del Distrito Judicial de Cartagena por una presunta violaci\u00f3n del derecho al debido proceso. \u00a0 Tema: \u00a0 Debido proceso. \u00a0 Actor: Promigas S.A. E.S.P.\u00a0 \u00a0 Magistrado Ponente:\u00a0 \u00a0 Dr. CARLOS GAVIRIA D\u00cdAZ \u00a0 Santaf\u00e9 de Bogot\u00e1 D.C., seis (6) de julio del a\u00f1o dos mil (2000). \u00a0 La Sala Cuarta de Revisi\u00f3n de Tutelas de la Corte Constitucional, compuesta por los Magistrados Jos\u00e9 Gregorio Hern\u00e1ndez Galindo, Alejandro Mart\u00ednez Caballero, y Carlos Gaviria D\u00edaz, en ejercicio de sus ...<br \/><div class=\"pt-cv-rmwrap\"><a href=\"https:\/\/www.dmsjuridica.com\/buscador_20179478954\/corteconstitucionalcronologico202454587\/t-849-00\/\" class=\"_self pt-cv-readmore btn btn-success\" target=\"_self\">Ver Sentencia Completa...<\/a><\/div><\/div><\/div><\/div>\n<div class=\"col-md-12 col-sm-12 col-xs-12 pt-cv-content-item pt-cv-1-col\" ><div class='pt-cv-ifield'><a href=\"https:\/\/www.dmsjuridica.com\/buscador_20179478954\/corteconstitucionalcronologico202454587\/t-848-00\/\" class=\"_self pt-cv-href-thumbnail pt-cv-thumb-default\" target=\"_self\" ><\/a>\n<div class=\"pt-cv-taxoterm above_title\"><a href='https:\/\/www.dmsjuridica.com\/buscador_20179478954\/corteconstitucionalcronologico202454587\/category\/buscar-en-toda-la-corte\/2000\/tutelas-2000\/' title='Tutelas 2000' class='pt-cv-tax-tutelas-2000'>Tutelas 2000<\/a><\/div>\n<h4 class=\"pt-cv-title\"><a href=\"https:\/\/www.dmsjuridica.com\/buscador_20179478954\/corteconstitucionalcronologico202454587\/t-848-00\/\" class=\"_self\" target=\"_self\" >T-848-00<\/a><\/h4>\n<div class=\"pt-cv-content\">\u00a0 \u00a0 Sentencia T-848\/00 \u00a0 DERECHO A LA IGUALDAD-Trato distinto a situaciones diferentes no constituye discriminaci\u00f3n \u00a0 DERECHO AL TRABAJO-Omisi\u00f3n de nombramiento en propiedad por no homologaci\u00f3n de t\u00edtulo extranjero \u00a0 HOMOLOGACION DE TITULOS EXTRANJEROS-Obligaci\u00f3n del Estado \u00a0 Referencia: expediente T-292.364 \u00a0 Acci\u00f3n de tutela contra la Universidad de Caldas por una presunta violaci\u00f3n de los derechos al trabajo, la igualdad y el libre desarrollo de la personalidad. \u00a0 Temas: \u00a0 En una actuaci\u00f3n compleja, los actos de tr\u00e1mite no pueden dar origen al derecho sobre el cual versa la decisi\u00f3n que pone fin al procedimiento. \u00a0 Dar tratamiento distinto ...<br \/><div class=\"pt-cv-rmwrap\"><a href=\"https:\/\/www.dmsjuridica.com\/buscador_20179478954\/corteconstitucionalcronologico202454587\/t-848-00\/\" class=\"_self pt-cv-readmore btn btn-success\" target=\"_self\">Ver Sentencia Completa...<\/a><\/div><\/div><\/div><\/div>\n<div class=\"col-md-12 col-sm-12 col-xs-12 pt-cv-content-item pt-cv-1-col\" ><div class='pt-cv-ifield'><a href=\"https:\/\/www.dmsjuridica.com\/buscador_20179478954\/corteconstitucionalcronologico202454587\/t-847-00\/\" class=\"_self pt-cv-href-thumbnail pt-cv-thumb-default\" target=\"_self\" ><\/a>\n<div class=\"pt-cv-taxoterm above_title\"><a href='https:\/\/www.dmsjuridica.com\/buscador_20179478954\/corteconstitucionalcronologico202454587\/category\/buscar-en-toda-la-corte\/2000\/tutelas-2000\/' title='Tutelas 2000' class='pt-cv-tax-tutelas-2000'>Tutelas 2000<\/a><\/div>\n<h4 class=\"pt-cv-title\"><a href=\"https:\/\/www.dmsjuridica.com\/buscador_20179478954\/corteconstitucionalcronologico202454587\/t-847-00\/\" class=\"_self\" target=\"_self\" >T-847-00<\/a><\/h4>\n<div class=\"pt-cv-content\">\u00a0 \u00a0 Sentencia T-847\/00 \u00a0 ESTADO DE COSAS INCONSTITUCIONAL EN ESTABLECIMIENTO CARCELARIO \u00a0 HACINAMIENTO CARCELARIO-Salas de retenidos \u00a0 No s\u00f3lo aparece claramente acreditado en el expediente que en las Salas de Retenidos de las Estaciones de Polic\u00eda del Distrito Capital y en las de las otras instituciones se\u00f1aladas por la Defensor\u00eda hay hacinamiento, sino que \u00e9ste se debe, en buena parte, a que all\u00ed se encuentran, junto con las personas detenidas preventivamente, sindicados a los que se adelanta investigaci\u00f3n, y condenados que purgan las penas que les fueron impuestas. Si la convivencia de sindicados y condenados que se presenta en ...<br \/><div class=\"pt-cv-rmwrap\"><a href=\"https:\/\/www.dmsjuridica.com\/buscador_20179478954\/corteconstitucionalcronologico202454587\/t-847-00\/\" class=\"_self pt-cv-readmore btn btn-success\" target=\"_self\">Ver Sentencia Completa...<\/a><\/div><\/div><\/div><\/div>\n<div class=\"col-md-12 col-sm-12 col-xs-12 pt-cv-content-item pt-cv-1-col\" ><div class='pt-cv-ifield'><a href=\"https:\/\/www.dmsjuridica.com\/buscador_20179478954\/corteconstitucionalcronologico202454587\/t-839-00\/\" class=\"_self pt-cv-href-thumbnail pt-cv-thumb-default\" target=\"_self\" ><\/a>\n<div class=\"pt-cv-taxoterm above_title\"><a href='https:\/\/www.dmsjuridica.com\/buscador_20179478954\/corteconstitucionalcronologico202454587\/category\/buscar-en-toda-la-corte\/2000\/tutelas-2000\/' title='Tutelas 2000' class='pt-cv-tax-tutelas-2000'>Tutelas 2000<\/a><\/div>\n<h4 class=\"pt-cv-title\"><a href=\"https:\/\/www.dmsjuridica.com\/buscador_20179478954\/corteconstitucionalcronologico202454587\/t-839-00\/\" class=\"_self\" target=\"_self\" >T-839-00<\/a><\/h4>\n<div class=\"pt-cv-content\">\u00a0 \u00a0 Sentencia T-839\/00 \u00a0 DERECHO A LA SALUD-Fundamental por conexidad con la vida \u00a0 ACCION DE TUTELA-Protecci\u00f3n preventiva y no solo en casos de gravedad \u00a0 PERSONA DE LA TERCERA EDAD-Protecci\u00f3n constitucional\/DERECHO A LA VIDA DIGNA DE PERSONA DE LA TERCERA EDAD-Protecci\u00f3n por tutela \u00a0 PERSONA DE LA TERCERA EDAD-Suministro de aud\u00edfono por EPS\/ENTIDAD PROMOTORA DE SALUD-Repetici\u00f3n contra el FOSYGA \u00a0 Referencia: expediente T-298639 \u00a0 Accionante: Arcesio Aguirre Rueda. \u00a0 \u00a0 Magistrado Ponente: \u00a0 Dr. ALEJANDRO MARTINEZ CABALLERO \u00a0 Santa Fe de Bogot\u00e1, D.C., cinco (5) de julio de dos mil (2000).\u00a0 \u00a0 La Sala Sexta de Revisi\u00f3n de ...<br \/><div class=\"pt-cv-rmwrap\"><a href=\"https:\/\/www.dmsjuridica.com\/buscador_20179478954\/corteconstitucionalcronologico202454587\/t-839-00\/\" class=\"_self pt-cv-readmore btn btn-success\" target=\"_self\">Ver Sentencia Completa...<\/a><\/div><\/div><\/div><\/div>\n<div class=\"col-md-12 col-sm-12 col-xs-12 pt-cv-content-item pt-cv-1-col\" ><div class='pt-cv-ifield'><a href=\"https:\/\/www.dmsjuridica.com\/buscador_20179478954\/corteconstitucionalcronologico202454587\/t-838-00\/\" class=\"_self pt-cv-href-thumbnail pt-cv-thumb-default\" target=\"_self\" ><\/a>\n<div class=\"pt-cv-taxoterm above_title\"><a href='https:\/\/www.dmsjuridica.com\/buscador_20179478954\/corteconstitucionalcronologico202454587\/category\/buscar-en-toda-la-corte\/2000\/tutelas-2000\/' title='Tutelas 2000' class='pt-cv-tax-tutelas-2000'>Tutelas 2000<\/a><\/div>\n<h4 class=\"pt-cv-title\"><a href=\"https:\/\/www.dmsjuridica.com\/buscador_20179478954\/corteconstitucionalcronologico202454587\/t-838-00\/\" class=\"_self\" target=\"_self\" >T-838-00<\/a><\/h4>\n<div class=\"pt-cv-content\">\u00a0 \u00a0 Sentencia T-838\/00 \u00a0 ACCION DE TUTELA-Improcedencia para ordenar reconocimiento de pensiones \u00a0 Referencia: expediente T-294767 \u00a0 Accionante: Alicia Rico Mart\u00ednez\u00a0 \u00a0 Juzgado de origen: Juzgado Penal Municipal de Paipa \u00a0 Magistrado Ponente: \u00a0 Dr. ALEJANDRO MARTINEZ CABALLERO \u00a0 Santa Fe de Bogot\u00e1, D.C., cinco (5) de julio del dos mil (2000). \u00a0 La Sala Sexta de Revisi\u00f3n de la Corte Constitucional, integrada por los Magistrados doctores Fabio Mor\u00f3n D\u00edaz, Vladimiro Naranjo Mesa y Alejandro Mart\u00ednez Caballero, quien la preside, en ejercicio de sus competencias constitucionales y legales profiere la siguiente\u00a0 \u00a0 SENTENCIA \u00a0 Dentro del proceso de revisi\u00f3n ...<br \/><div class=\"pt-cv-rmwrap\"><a href=\"https:\/\/www.dmsjuridica.com\/buscador_20179478954\/corteconstitucionalcronologico202454587\/t-838-00\/\" class=\"_self pt-cv-readmore btn btn-success\" target=\"_self\">Ver Sentencia Completa...<\/a><\/div><\/div><\/div><\/div>\n<div class=\"col-md-12 col-sm-12 col-xs-12 pt-cv-content-item pt-cv-1-col\" ><div class='pt-cv-ifield'><a href=\"https:\/\/www.dmsjuridica.com\/buscador_20179478954\/corteconstitucionalcronologico202454587\/t-837-00\/\" class=\"_self pt-cv-href-thumbnail pt-cv-thumb-default\" target=\"_self\" ><\/a>\n<div class=\"pt-cv-taxoterm above_title\"><a href='https:\/\/www.dmsjuridica.com\/buscador_20179478954\/corteconstitucionalcronologico202454587\/category\/buscar-en-toda-la-corte\/2000\/tutelas-2000\/' title='Tutelas 2000' class='pt-cv-tax-tutelas-2000'>Tutelas 2000<\/a><\/div>\n<h4 class=\"pt-cv-title\"><a href=\"https:\/\/www.dmsjuridica.com\/buscador_20179478954\/corteconstitucionalcronologico202454587\/t-837-00\/\" class=\"_self\" target=\"_self\" >T-837-00<\/a><\/h4>\n<div class=\"pt-cv-content\">\u00a0 \u00a0 Sentencia T-837\/00 \u00a0 DESCANSO REMUNERADO-Alcance \u00a0 DERECHO FUNDAMENTAL AL DESCANSO-Alcance para el trabajador \u00a0 MEDIO DE DEFENSA JUDICIAL-Reconocimiento y otorgamiento de vacaciones \u00a0 PERJUICIO IRREMEDIABLE-Caracter\u00edsticas \u00a0 PERJUICIO IRREMEDIABLE-Elemento edad \u00a0 ACCION DE TUTELA TRANSITORIA-Procedencia empleado que no ha gozado de vacaciones\/PERSONA DE LA TERCERA EDAD-Perjuicio causado al no disfrutar de vacaciones \u00a0 La Sala considera que la presente acci\u00f3n debe prosperar como mecanismo transitorio para evitar un perjuicio irremediable. En efecto, el peticionario cumpli\u00f3 aproximadamente cuatro per\u00edodos de vacaciones sin gozar de su derecho al descanso porque el empleador no ha nombrado su reemplazo. Ello produce un irrazonable ...<br \/><div class=\"pt-cv-rmwrap\"><a href=\"https:\/\/www.dmsjuridica.com\/buscador_20179478954\/corteconstitucionalcronologico202454587\/t-837-00\/\" class=\"_self pt-cv-readmore btn btn-success\" target=\"_self\">Ver Sentencia Completa...<\/a><\/div><\/div><\/div><\/div>\n<div class=\"col-md-12 col-sm-12 col-xs-12 pt-cv-content-item pt-cv-1-col\" ><div class='pt-cv-ifield'><a href=\"https:\/\/www.dmsjuridica.com\/buscador_20179478954\/corteconstitucionalcronologico202454587\/t-836-00\/\" class=\"_self pt-cv-href-thumbnail pt-cv-thumb-default\" target=\"_self\" ><\/a>\n<div class=\"pt-cv-taxoterm above_title\"><a href='https:\/\/www.dmsjuridica.com\/buscador_20179478954\/corteconstitucionalcronologico202454587\/category\/buscar-en-toda-la-corte\/2000\/tutelas-2000\/' title='Tutelas 2000' class='pt-cv-tax-tutelas-2000'>Tutelas 2000<\/a><\/div>\n<h4 class=\"pt-cv-title\"><a href=\"https:\/\/www.dmsjuridica.com\/buscador_20179478954\/corteconstitucionalcronologico202454587\/t-836-00\/\" class=\"_self\" target=\"_self\" >T-836-00<\/a><\/h4>\n<div class=\"pt-cv-content\">\u00a0 \u00a0 Sentencia T-836\/00 \u00a0 DERECHO DE PETICION EN VIA GUBERNATIVA-Resoluci\u00f3n de recursos \u00a0 PERJUICIO IRREMEDIABLE-Caracter\u00edsticas \u00a0 Referencia: expediente T- 290.303 \u00a0 Magistrado Ponente:\u00a0 \u00a0 Dr. ALEJANDRO MART\u00cdNEZ CABALLERO \u00a0 Santa Fe de Bogot\u00e1, cinco (5) de julio de dos mil (2000) \u00a0 La Sala Sexta de Revisi\u00f3n de la Corte Constitucional, en ejercicio de sus competencias constitucionales y legales, ha proferido Sentencia en la acci\u00f3n de tutela interpuesta por Mercedes Durango Jim\u00e9nez contra el Seguro Social. \u00a0 I. ANTECEDENTES \u00a0 1. Hechos\u00a0 \u00a0 - Mediante Resoluci\u00f3n 001681 de 1997, el Jefe del Departamento de Atenci\u00f3n al Pensionado del Seguro ...<br \/><div class=\"pt-cv-rmwrap\"><a href=\"https:\/\/www.dmsjuridica.com\/buscador_20179478954\/corteconstitucionalcronologico202454587\/t-836-00\/\" class=\"_self pt-cv-readmore btn btn-success\" target=\"_self\">Ver Sentencia Completa...<\/a><\/div><\/div><\/div><\/div>\n<div class=\"col-md-12 col-sm-12 col-xs-12 pt-cv-content-item pt-cv-1-col\" ><div class='pt-cv-ifield'><a href=\"https:\/\/www.dmsjuridica.com\/buscador_20179478954\/corteconstitucionalcronologico202454587\/t-835-00\/\" class=\"_self pt-cv-href-thumbnail pt-cv-thumb-default\" target=\"_self\" ><\/a>\n<div class=\"pt-cv-taxoterm above_title\"><a href='https:\/\/www.dmsjuridica.com\/buscador_20179478954\/corteconstitucionalcronologico202454587\/category\/buscar-en-toda-la-corte\/2000\/tutelas-2000\/' title='Tutelas 2000' class='pt-cv-tax-tutelas-2000'>Tutelas 2000<\/a><\/div>\n<h4 class=\"pt-cv-title\"><a href=\"https:\/\/www.dmsjuridica.com\/buscador_20179478954\/corteconstitucionalcronologico202454587\/t-835-00\/\" class=\"_self\" target=\"_self\" >T-835-00<\/a><\/h4>\n<div class=\"pt-cv-content\">\u00a0 \u00a0 Sentencia T-835\/00 \u00a0 ACCION DE TUTELA-Carga de la prueba \u00a0 \u201cQuien pretende la protecci\u00f3n judicial de un derecho fundamental debe demostrar los supuestos f\u00e1cticos en que se funda su pretensi\u00f3n, como quiera que es razonable sostener que quien conoce la manera exacta como se presentan los hechos y las consecuencias de los mismos, es quien padece el da\u00f1o o la amenaza de afectaci\u00f3n\u201d. \u00a0 TRATAMIENTO DIFERENCIADO-Justificaci\u00f3n objetiva y razonable \u00a0 CARGA DE LA PRUEBA-Corresponde a quien alega la vulneraci\u00f3n o amenaza\u00a0 \u00a0 Una vez el actor alegue los hechos y haya precisado el t\u00e9rmino de comparaci\u00f3n, le corresponde ...<br \/><div class=\"pt-cv-rmwrap\"><a href=\"https:\/\/www.dmsjuridica.com\/buscador_20179478954\/corteconstitucionalcronologico202454587\/t-835-00\/\" class=\"_self pt-cv-readmore btn btn-success\" target=\"_self\">Ver Sentencia Completa...<\/a><\/div><\/div><\/div><\/div>\n<div class=\"col-md-12 col-sm-12 col-xs-12 pt-cv-content-item pt-cv-1-col\" ><div class='pt-cv-ifield'><a href=\"https:\/\/www.dmsjuridica.com\/buscador_20179478954\/corteconstitucionalcronologico202454587\/t-834-00\/\" class=\"_self pt-cv-href-thumbnail pt-cv-thumb-default\" target=\"_self\" ><\/a>\n<div class=\"pt-cv-taxoterm above_title\"><a href='https:\/\/www.dmsjuridica.com\/buscador_20179478954\/corteconstitucionalcronologico202454587\/category\/buscar-en-toda-la-corte\/2000\/tutelas-2000\/' title='Tutelas 2000' class='pt-cv-tax-tutelas-2000'>Tutelas 2000<\/a><\/div>\n<h4 class=\"pt-cv-title\"><a href=\"https:\/\/www.dmsjuridica.com\/buscador_20179478954\/corteconstitucionalcronologico202454587\/t-834-00\/\" class=\"_self\" target=\"_self\" >T-834-00<\/a><\/h4>\n<div class=\"pt-cv-content\">\u00a0 \u00a0 Sentencia T-834\/00 \u00a0 LEGITIMACION POR ACTIVA DEL SINDICATO-Presentaci\u00f3n de tutela \u00a0 DERECHO DE ASOCIACION SINDICAL-Fundamental \u00a0 DERECHO DE ASOCIACION SINDICAL-Naturaleza \u00a0 SINDICATO-Entrega oportuna de cuotas por empleador \u00a0 MEDIO DE DEFENSA JUDICIAL NO IDONEO E INEFICAZ-Entrega oportuna de cuotas sindicales por empleador \u00a0 Referencia: expedientes T- 300942 y 286342 \u00a0 \u00a0 \u00a0 Acciones de tutela instauradas por SINVIESDISBA, y Sindicato de Trabajadores de COMESA contra Distrito de Barranquilla y COMESA\u00a0 \u00a0 Procedencia: Juzgado 13 Civil Municipal de Barranquilla y el Tribunal Administrativo de Cundinamarca\u00a0 \u00a0 Magistrado Ponente: \u00a0 Dr. ALEJANDRO MARTINEZ CABALLERO \u00a0 Santa Fe de Bogot\u00e1, D.C., ...<br \/><div class=\"pt-cv-rmwrap\"><a href=\"https:\/\/www.dmsjuridica.com\/buscador_20179478954\/corteconstitucionalcronologico202454587\/t-834-00\/\" class=\"_self pt-cv-readmore btn btn-success\" target=\"_self\">Ver Sentencia Completa...<\/a><\/div><\/div><\/div><\/div>\n<div class=\"col-md-12 col-sm-12 col-xs-12 pt-cv-content-item pt-cv-1-col\" ><div class='pt-cv-ifield'><a href=\"https:\/\/www.dmsjuridica.com\/buscador_20179478954\/corteconstitucionalcronologico202454587\/t-833-00\/\" class=\"_self pt-cv-href-thumbnail pt-cv-thumb-default\" target=\"_self\" ><\/a>\n<div class=\"pt-cv-taxoterm above_title\"><a href='https:\/\/www.dmsjuridica.com\/buscador_20179478954\/corteconstitucionalcronologico202454587\/category\/buscar-en-toda-la-corte\/2000\/tutelas-2000\/' title='Tutelas 2000' class='pt-cv-tax-tutelas-2000'>Tutelas 2000<\/a><\/div>\n<h4 class=\"pt-cv-title\"><a href=\"https:\/\/www.dmsjuridica.com\/buscador_20179478954\/corteconstitucionalcronologico202454587\/t-833-00\/\" class=\"_self\" target=\"_self\" >T-833-00<\/a><\/h4>\n<div class=\"pt-cv-content\">\u00a0 \u00a0 Sentencia T-833\/00 \u00a0 ACCION DE TUTELA CONTRA PROVIDENCIAS JUDICIALES-Procedencia excepcional por v\u00eda de hecho judicial \u00a0 ACCION DE TUTELA CONTRA PROVIDENCIAS JUDICIALES-Improcedencia por no ejercicio oportuno de recursos \u00a0 Referencia: expediente T-299728 \u00a0 Acci\u00f3n de tutela incoada por Enrique Benavides Villota y otra contra \u00a0el Juzgado 1 Civil del Circuito de Pasto y el Tribunal Superior del Distrito Judicial de Pasto.\u00a0 \u00a0 Magistrado Ponente: \u00a0 Dr. JOS\u00c9 GREGORIO HERN\u00c1NDEZ GALINDO \u00a0 Santa Fe de Bogot\u00e1, D.C., cinco (5) de julio de dos mil (2000). \u00a0 La Sala Quinta de Revisi\u00f3n de la Corte Constitucional, en ejercicio de sus ...<br \/><div class=\"pt-cv-rmwrap\"><a href=\"https:\/\/www.dmsjuridica.com\/buscador_20179478954\/corteconstitucionalcronologico202454587\/t-833-00\/\" class=\"_self pt-cv-readmore btn btn-success\" target=\"_self\">Ver Sentencia Completa...<\/a><\/div><\/div><\/div><\/div>\n<div class=\"col-md-12 col-sm-12 col-xs-12 pt-cv-content-item pt-cv-1-col\" ><div class='pt-cv-ifield'><a href=\"https:\/\/www.dmsjuridica.com\/buscador_20179478954\/corteconstitucionalcronologico202454587\/t-832-00\/\" class=\"_self pt-cv-href-thumbnail pt-cv-thumb-default\" target=\"_self\" ><\/a>\n<div class=\"pt-cv-taxoterm above_title\"><a href='https:\/\/www.dmsjuridica.com\/buscador_20179478954\/corteconstitucionalcronologico202454587\/category\/buscar-en-toda-la-corte\/2000\/tutelas-2000\/' title='Tutelas 2000' class='pt-cv-tax-tutelas-2000'>Tutelas 2000<\/a><\/div>\n<h4 class=\"pt-cv-title\"><a href=\"https:\/\/www.dmsjuridica.com\/buscador_20179478954\/corteconstitucionalcronologico202454587\/t-832-00\/\" class=\"_self\" target=\"_self\" >T-832-00<\/a><\/h4>\n<div class=\"pt-cv-content\">\u00a0 \u00a0 Sentencia T-832\/00 \u00a0 MUJER EMBARAZADA-Protecci\u00f3n constitucional especial \u00a0 SENTENCIA DE CONSTITUCIONALIDAD CONDICIONADA-Alcance \u00a0 Los condicionamientos de los fallos en materia de constitucionalidad no implican agregado ni comentario o complemento de lo actuado por el legislador, sino, dentro del \u00e1mbito propio de la primordial atribuci\u00f3n de la Corte, la declaraci\u00f3n que ella hace de que, entendido o aplicado el mandato legal en unos t\u00e9rminos que, seg\u00fan la respectiva sentencia, no se ajustan a los valores, principios o normas fundamentales, es inexequible. Dictado del cual se sigue, necesariamente, que la exequibilidad -ejecutabilidad de la norma- no es plena, ni absoluta, ...<br \/><div class=\"pt-cv-rmwrap\"><a href=\"https:\/\/www.dmsjuridica.com\/buscador_20179478954\/corteconstitucionalcronologico202454587\/t-832-00\/\" class=\"_self pt-cv-readmore btn btn-success\" target=\"_self\">Ver Sentencia Completa...<\/a><\/div><\/div><\/div><\/div>\n<div class=\"col-md-12 col-sm-12 col-xs-12 pt-cv-content-item pt-cv-1-col\" ><div class='pt-cv-ifield'><a href=\"https:\/\/www.dmsjuridica.com\/buscador_20179478954\/corteconstitucionalcronologico202454587\/t-831-00\/\" class=\"_self pt-cv-href-thumbnail pt-cv-thumb-default\" target=\"_self\" ><\/a>\n<div class=\"pt-cv-taxoterm above_title\"><a href='https:\/\/www.dmsjuridica.com\/buscador_20179478954\/corteconstitucionalcronologico202454587\/category\/buscar-en-toda-la-corte\/2000\/tutelas-2000\/' title='Tutelas 2000' class='pt-cv-tax-tutelas-2000'>Tutelas 2000<\/a><\/div>\n<h4 class=\"pt-cv-title\"><a href=\"https:\/\/www.dmsjuridica.com\/buscador_20179478954\/corteconstitucionalcronologico202454587\/t-831-00\/\" class=\"_self\" target=\"_self\" >T-831-00<\/a><\/h4>\n<div class=\"pt-cv-content\">\u00a0 \u00a0 Sentencia T-831\/00 \u00a0 SISTEMA DE SEGURIDAD SOCIAL EN SALUD-Recursos tienen car\u00e1cter parafiscal \u00a0 ACCION DE TUTELA-Restituci\u00f3n de dineros de entidades financieras por tratarse de recursos con car\u00e1cter de contribuciones parafiscales \u00a0 Referencia: expedientes acumulados: \u00a0 T-293131, T-296582, T-302006 \u00a0 Peticionarios: \u00a0 Caja de Previsi\u00f3n Social de la Universidad de Cartagena. \u00a0 Hogar Infantil \"Capricho\".\u00a0 \u00a0 Gobernador del Nari\u00f1o. \u00a0 Magistrado Ponente:\u00a0 \u00a0 Dr. ANTONIO BARRERA CARBONELL \u00a0 Santaf\u00e9 de Bogot\u00e1, D.C., julio cinco (5) de dos mil (2000). \u00a0 La Sala Primera de Revisi\u00f3n de la Corte Constitucional, integrada por los Magistrados Antonio Barrera Carbonell, Alfredo Beltr\u00e1n Sierra ...<br \/><div class=\"pt-cv-rmwrap\"><a href=\"https:\/\/www.dmsjuridica.com\/buscador_20179478954\/corteconstitucionalcronologico202454587\/t-831-00\/\" class=\"_self pt-cv-readmore btn btn-success\" target=\"_self\">Ver Sentencia Completa...<\/a><\/div><\/div><\/div><\/div>\n<div class=\"col-md-12 col-sm-12 col-xs-12 pt-cv-content-item pt-cv-1-col\" ><div class='pt-cv-ifield'><a href=\"https:\/\/www.dmsjuridica.com\/buscador_20179478954\/corteconstitucionalcronologico202454587\/t-830-00\/\" class=\"_self pt-cv-href-thumbnail pt-cv-thumb-default\" target=\"_self\" ><\/a>\n<div class=\"pt-cv-taxoterm above_title\"><a href='https:\/\/www.dmsjuridica.com\/buscador_20179478954\/corteconstitucionalcronologico202454587\/category\/buscar-en-toda-la-corte\/2000\/tutelas-2000\/' title='Tutelas 2000' class='pt-cv-tax-tutelas-2000'>Tutelas 2000<\/a><\/div>\n<h4 class=\"pt-cv-title\"><a href=\"https:\/\/www.dmsjuridica.com\/buscador_20179478954\/corteconstitucionalcronologico202454587\/t-830-00\/\" class=\"_self\" target=\"_self\" >T-830-00<\/a><\/h4>\n<div class=\"pt-cv-content\">\u00a0 \u00a0 Sentencia T-830\/00 \u00a0 ACCION DE TUTELA-Procedencia excepcional pago de acreencias laborales\/DERECHO AL MINIMO VITAL DEL TRABAJADOR-Pago oportuno de salarios \u00a0 DERECHO AL PAGO OPORTUNO DEL SALARIO-Fundamental \u00a0 ESTABLECIMIENTO HOSPITALARIO-Situaci\u00f3n econ\u00f3mica o presupuestal no es \u00f3bice para desconocer obligaciones laborales \u00a0 Reiteraci\u00f3n de Jurisprudencia \u00a0 Referencia: expedientes T-299448 y T-299449. \u00a0 Acci\u00f3n de tutela instaurada por Doris Garc\u00eda Nu\u00f1ez, Etelinda Taylor de Daniels, Owens M\u00e9ndez de Avila y Amalia Nazar Herrera contra el Hospital Timothy Britton de San Andr\u00e9s -Isla. \u00a0 Dr. ALEJANDRO MARTINEZ CABALLERO \u00a0 Santa Fe de Bogot\u00e1 D.C., a los cinco (5) d\u00edas del mes julio ...<br \/><div class=\"pt-cv-rmwrap\"><a href=\"https:\/\/www.dmsjuridica.com\/buscador_20179478954\/corteconstitucionalcronologico202454587\/t-830-00\/\" class=\"_self pt-cv-readmore btn btn-success\" target=\"_self\">Ver Sentencia Completa...<\/a><\/div><\/div><\/div><\/div>\n<div class=\"col-md-12 col-sm-12 col-xs-12 pt-cv-content-item pt-cv-1-col\" ><div class='pt-cv-ifield'><a href=\"https:\/\/www.dmsjuridica.com\/buscador_20179478954\/corteconstitucionalcronologico202454587\/t-829-00\/\" class=\"_self pt-cv-href-thumbnail pt-cv-thumb-default\" target=\"_self\" ><\/a>\n<div class=\"pt-cv-taxoterm above_title\"><a href='https:\/\/www.dmsjuridica.com\/buscador_20179478954\/corteconstitucionalcronologico202454587\/category\/buscar-en-toda-la-corte\/2000\/tutelas-2000\/' title='Tutelas 2000' class='pt-cv-tax-tutelas-2000'>Tutelas 2000<\/a><\/div>\n<h4 class=\"pt-cv-title\"><a href=\"https:\/\/www.dmsjuridica.com\/buscador_20179478954\/corteconstitucionalcronologico202454587\/t-829-00\/\" class=\"_self\" target=\"_self\" >T-829-00<\/a><\/h4>\n<div class=\"pt-cv-content\">\u00a0 \u00a0 Sentencia T-829\/00 \u00a0 ACCION DE TUTELA-Procedencia excepcional pago de acreencias laborales\/DERECHO AL MINIMO VITAL DEL PENSIONADO-Pago oportuno de mesadas \u00a0 Reiteraci\u00f3n de Jurisprudencia \u00a0 Referencia: expediente T-297461 \u00a0 Acci\u00f3n de tutela instaurada por Marina Ca\u00f1ar contra el Hospital Universitario San Jos\u00e9 de Popay\u00e1n. \u00a0 Magistrado Ponente: \u00a0 Dr. ALEJANDRO MART\u00cdNEZ CABALLERO \u00a0 Santa Fe de Bogot\u00e1 D.C., a los cinco (5) d\u00edas del mes de julio de dos mil (2000). \u00a0 La Sala Sexta de Revisi\u00f3n de la Corte Constitucional, integrada por los Magistrados doctores Alejandro Mart\u00ednez Caballero, Fabio Mor\u00f3n D\u00edaz y Vladimiro Naranjo Mesa en ejercicio de ...<br \/><div class=\"pt-cv-rmwrap\"><a href=\"https:\/\/www.dmsjuridica.com\/buscador_20179478954\/corteconstitucionalcronologico202454587\/t-829-00\/\" class=\"_self pt-cv-readmore btn btn-success\" target=\"_self\">Ver Sentencia Completa...<\/a><\/div><\/div><\/div><\/div>\n<div class=\"col-md-12 col-sm-12 col-xs-12 pt-cv-content-item pt-cv-1-col\" ><div class='pt-cv-ifield'><a href=\"https:\/\/www.dmsjuridica.com\/buscador_20179478954\/corteconstitucionalcronologico202454587\/t-828-00\/\" class=\"_self pt-cv-href-thumbnail pt-cv-thumb-default\" target=\"_self\" ><\/a>\n<div class=\"pt-cv-taxoterm above_title\"><a href='https:\/\/www.dmsjuridica.com\/buscador_20179478954\/corteconstitucionalcronologico202454587\/category\/buscar-en-toda-la-corte\/2000\/tutelas-2000\/' title='Tutelas 2000' class='pt-cv-tax-tutelas-2000'>Tutelas 2000<\/a><\/div>\n<h4 class=\"pt-cv-title\"><a href=\"https:\/\/www.dmsjuridica.com\/buscador_20179478954\/corteconstitucionalcronologico202454587\/t-828-00\/\" class=\"_self\" target=\"_self\" >T-828-00<\/a><\/h4>\n<div class=\"pt-cv-content\">\u00a0 \u00a0 Sentencia T-828\/00 \u00a0 ACCION DE TUTELA-Procedencia excepcional pago de acreencias laborales\/DERECHO AL MINIMO VITAL DEL PENSIONADO-Pago oportuno de mesadas \u00a0 Reiteraci\u00f3n de jurisprudencia \u00a0 Referencia: expediente T-299306 \u00a0 Acci\u00f3n de tutela instaurada por Pedro Colatino Moreno Pinz\u00f3n contra el Departamento del Atl\u00e1ntico. \u00a0 Magistrado Ponente: \u00a0 Dr. ALEJANDRO MART\u00cdNEZ CABALLERO. \u00a0 Santa Fe de Bogot\u00e1 D.C., a los cinco (5) d\u00edas del mes de julio de dos mil (2000). \u00a0 La Sala Sexta de Revisi\u00f3n de la Corte Constitucional, integrada por los Magistrado doctores Alejandro Mart\u00ednez Caballero, Fabio Mor\u00f3n D\u00edaz y Vladimiro Naranjo Mesa, en ejercicio de sus ...<br \/><div class=\"pt-cv-rmwrap\"><a href=\"https:\/\/www.dmsjuridica.com\/buscador_20179478954\/corteconstitucionalcronologico202454587\/t-828-00\/\" class=\"_self pt-cv-readmore btn btn-success\" target=\"_self\">Ver Sentencia Completa...<\/a><\/div><\/div><\/div><\/div>\n<div class=\"col-md-12 col-sm-12 col-xs-12 pt-cv-content-item pt-cv-1-col\" ><div class='pt-cv-ifield'><a href=\"https:\/\/www.dmsjuridica.com\/buscador_20179478954\/corteconstitucionalcronologico202454587\/t-827-00\/\" class=\"_self pt-cv-href-thumbnail pt-cv-thumb-default\" target=\"_self\" ><\/a>\n<div class=\"pt-cv-taxoterm above_title\"><a href='https:\/\/www.dmsjuridica.com\/buscador_20179478954\/corteconstitucionalcronologico202454587\/category\/buscar-en-toda-la-corte\/2000\/tutelas-2000\/' title='Tutelas 2000' class='pt-cv-tax-tutelas-2000'>Tutelas 2000<\/a><\/div>\n<h4 class=\"pt-cv-title\"><a href=\"https:\/\/www.dmsjuridica.com\/buscador_20179478954\/corteconstitucionalcronologico202454587\/t-827-00\/\" class=\"_self\" target=\"_self\" >T-827-00<\/a><\/h4>\n<div class=\"pt-cv-content\">\u00a0 \u00a0 Sentencia T-827\/00 \u00a0 ACCION DE TUTELA-Procedencia excepcional pago de acreencias laborales \u00a0 DERECHO A LA SEGURIDAD SOCIAL DE PERSONA DE LA TERCERA EDAD-Fundamental por conexidad \u00a0 ACCION DE TUTELA TRANSITORIA-Pago de mesadas pensionales y cotizaci\u00f3n en salud persona de tercera edad \u00a0 DERECHO AL MINIMO VITAL DE PERSONA DE LA TERCERA EDAD-Retraso injustificado en pago de pensi\u00f3n \u00a0 Reiteraci\u00f3n de Jurisprudencia \u00a0 Referencia: expediente T-297921 \u00a0 Acci\u00f3n de tutela instaurada por Delio de Jes\u00fas Ram\u00edrez Toro contra Coltejer. \u00a0 Magistrado Ponente: \u00a0 Santa Fe de Bogot\u00e1, D.C., a los cinco (5) d\u00edas del mes de julio de dos ...<br \/><div class=\"pt-cv-rmwrap\"><a href=\"https:\/\/www.dmsjuridica.com\/buscador_20179478954\/corteconstitucionalcronologico202454587\/t-827-00\/\" class=\"_self pt-cv-readmore btn btn-success\" target=\"_self\">Ver Sentencia Completa...<\/a><\/div><\/div><\/div><\/div>\n<div class=\"col-md-12 col-sm-12 col-xs-12 pt-cv-content-item pt-cv-1-col\" ><div class='pt-cv-ifield'><a href=\"https:\/\/www.dmsjuridica.com\/buscador_20179478954\/corteconstitucionalcronologico202454587\/t-826-00\/\" class=\"_self pt-cv-href-thumbnail pt-cv-thumb-default\" target=\"_self\" ><\/a>\n<div class=\"pt-cv-taxoterm above_title\"><a href='https:\/\/www.dmsjuridica.com\/buscador_20179478954\/corteconstitucionalcronologico202454587\/category\/buscar-en-toda-la-corte\/2000\/tutelas-2000\/' title='Tutelas 2000' class='pt-cv-tax-tutelas-2000'>Tutelas 2000<\/a><\/div>\n<h4 class=\"pt-cv-title\"><a href=\"https:\/\/www.dmsjuridica.com\/buscador_20179478954\/corteconstitucionalcronologico202454587\/t-826-00\/\" class=\"_self\" target=\"_self\" >T-826-00<\/a><\/h4>\n<div class=\"pt-cv-content\">\u00a0 \u00a0 Sentencia T-826\/00 \u00a0 ACCION DE TUTELA-Procedencia excepcional pago de acreencias laborales\/DERECHO AL MINIMO VITAL DEL TRABAJADOR-Pago oportuno de salarios \u00a0 DERECHO AL PAGO OPORTUNO DEL SALARIO-Fundamental \u00a0 EMPLEADOR-Falta de presupuesto o insolvencia para pago oportuno de salarios no es raz\u00f3n suficiente \u00a0 Reiteraci\u00f3n de Jurisprudencia \u00a0 Referencia: expediente T-297726 \u00a0 Acci\u00f3n de tutela instaurada por Armando Aldana Mayorga, Adela Chaparro Villamizar, Elsa Mar\u00eda Meneses Garc\u00eda y Nubia Amaya Guti\u00e9rrez, contra el Gerente de la E.S.E Instituto de Salud de Bucaramanga.\u00a0 \u00a0 Magistrado Ponente: \u00a0 Dr. ALEJANDRO MART\u00cdNEZ CABALLERO \u00a0 Santa Fe de Bogot\u00e1, D.C., a los cinco\u00a0 \u00a0 ...<br \/><div class=\"pt-cv-rmwrap\"><a href=\"https:\/\/www.dmsjuridica.com\/buscador_20179478954\/corteconstitucionalcronologico202454587\/t-826-00\/\" class=\"_self pt-cv-readmore btn btn-success\" target=\"_self\">Ver Sentencia Completa...<\/a><\/div><\/div><\/div><\/div>\n<div class=\"col-md-12 col-sm-12 col-xs-12 pt-cv-content-item pt-cv-1-col\" ><div class='pt-cv-ifield'><a href=\"https:\/\/www.dmsjuridica.com\/buscador_20179478954\/corteconstitucionalcronologico202454587\/t-825-00\/\" class=\"_self pt-cv-href-thumbnail pt-cv-thumb-default\" target=\"_self\" ><\/a>\n<div class=\"pt-cv-taxoterm above_title\"><a href='https:\/\/www.dmsjuridica.com\/buscador_20179478954\/corteconstitucionalcronologico202454587\/category\/buscar-en-toda-la-corte\/2000\/tutelas-2000\/' title='Tutelas 2000' class='pt-cv-tax-tutelas-2000'>Tutelas 2000<\/a><\/div>\n<h4 class=\"pt-cv-title\"><a href=\"https:\/\/www.dmsjuridica.com\/buscador_20179478954\/corteconstitucionalcronologico202454587\/t-825-00\/\" class=\"_self\" target=\"_self\" >T-825-00<\/a><\/h4>\n<div class=\"pt-cv-content\">\u00a0 \u00a0 Sentencia T-825\/00 \u00a0 ACCION DE TUTELA CONTRA PARTICULARES-Subordinaci\u00f3n \u00a0 ACCION DE TUTELA-Procedencia excepcional pago de acreencias laborales\/DERECHO AL MINIMO VITAL DEL TRABAJADOR-Pago oportuno de salarios \u00a0 DERECHO AL PAGO OPORTUNO DEL SALARIO-Fundamental \u00a0 EMPLEADOR-Falta de presupuesto o insolvencia para pago oportuno de salarios no es raz\u00f3n suficiente \u00a0 EMPLEADOR-Asunci\u00f3n de responsabilidad por no pago de aportes en salud \u00a0 Reiteraci\u00f3n de Jurisprudencia \u00a0 Acci\u00f3n de tutela instaurada por Jos\u00e9 Efr\u00e9n Rey Hern\u00e1ndez contra la sociedad DEVICO Ltda. \u00a0 Magistrado Ponente: \u00a0 Dr. ALEJANDRO MART\u00cdNEZ CABALLERO \u00a0 Santa Fe de Bogot\u00e1, D.C., a los cinco (5) d\u00edas del mes ...<br \/><div class=\"pt-cv-rmwrap\"><a href=\"https:\/\/www.dmsjuridica.com\/buscador_20179478954\/corteconstitucionalcronologico202454587\/t-825-00\/\" class=\"_self pt-cv-readmore btn btn-success\" target=\"_self\">Ver Sentencia Completa...<\/a><\/div><\/div><\/div><\/div>\n<div class=\"col-md-12 col-sm-12 col-xs-12 pt-cv-content-item pt-cv-1-col\" ><div class='pt-cv-ifield'><a href=\"https:\/\/www.dmsjuridica.com\/buscador_20179478954\/corteconstitucionalcronologico202454587\/t-824-00\/\" class=\"_self pt-cv-href-thumbnail pt-cv-thumb-default\" target=\"_self\" ><\/a>\n<div class=\"pt-cv-taxoterm above_title\"><a href='https:\/\/www.dmsjuridica.com\/buscador_20179478954\/corteconstitucionalcronologico202454587\/category\/buscar-en-toda-la-corte\/2000\/tutelas-2000\/' title='Tutelas 2000' class='pt-cv-tax-tutelas-2000'>Tutelas 2000<\/a><\/div>\n<h4 class=\"pt-cv-title\"><a href=\"https:\/\/www.dmsjuridica.com\/buscador_20179478954\/corteconstitucionalcronologico202454587\/t-824-00\/\" class=\"_self\" target=\"_self\" >T-824-00<\/a><\/h4>\n<div class=\"pt-cv-content\">\u00a0 \u00a0 Sentencia T-824\/00 \u00a0 CONTRATO DE TRABAJO Y CONTRATO DE PRESTACION DE SERVICIOS-Diferencias \u00a0 CONTRATO DE PRESTACION DE SERVICIOS-Contratista independiente sin derecho a prestaciones sociales\/CONTRATO DE PRESTACION DE SERVICIOS-Pago de prestaciones sociales en caso de subordinaci\u00f3n \u00a0 MEDIO DE DEFENSA JUDICIAL-Determinaci\u00f3n de relaci\u00f3n laboral\/ACCION DE TUTELA-Improcedencia determinaci\u00f3n de relaci\u00f3n laboral \u00a0 Reiteraci\u00f3n de Jurisprudencia \u00a0 Referencia: expediente T-297522 \u00a0 Acci\u00f3n de tutela instaurada por Magnolia Cristina Calder\u00f3n Lozano contra la Asociaci\u00f3n de Municipios del Sur del Tolima. \u00a0 Magistrado Ponente: \u00a0 Dr. ALEJANDRO MART\u00cdNEZ CABALLERO \u00a0 Santa Fe de Bogot\u00e1, D.C., a los cinco (5) d\u00edas del mes de ...<br \/><div class=\"pt-cv-rmwrap\"><a href=\"https:\/\/www.dmsjuridica.com\/buscador_20179478954\/corteconstitucionalcronologico202454587\/t-824-00\/\" class=\"_self pt-cv-readmore btn btn-success\" target=\"_self\">Ver Sentencia Completa...<\/a><\/div><\/div><\/div><\/div>\n<div class=\"col-md-12 col-sm-12 col-xs-12 pt-cv-content-item pt-cv-1-col\" ><div class='pt-cv-ifield'><a href=\"https:\/\/www.dmsjuridica.com\/buscador_20179478954\/corteconstitucionalcronologico202454587\/t-823-00\/\" class=\"_self pt-cv-href-thumbnail pt-cv-thumb-default\" target=\"_self\" ><\/a>\n<div class=\"pt-cv-taxoterm above_title\"><a href='https:\/\/www.dmsjuridica.com\/buscador_20179478954\/corteconstitucionalcronologico202454587\/category\/buscar-en-toda-la-corte\/2000\/tutelas-2000\/' title='Tutelas 2000' class='pt-cv-tax-tutelas-2000'>Tutelas 2000<\/a><\/div>\n<h4 class=\"pt-cv-title\"><a href=\"https:\/\/www.dmsjuridica.com\/buscador_20179478954\/corteconstitucionalcronologico202454587\/t-823-00\/\" class=\"_self\" target=\"_self\" >T-823-00<\/a><\/h4>\n<div class=\"pt-cv-content\">ACCION DE TUTELA-Procedencia excepcional pago de acreencias laborales\/DERECHO AL MINIMO VITAL DEL TRABAJADOR-Pago oportuno de salarios \u00a0 DERECHO AL PAGO OPORTUNO DEL SALARIO-Fundamental\u00a0 \u00a0 EMPLEADOR-Falta de presupuesto o insolvencia para pago oportuno de salarios no es raz\u00f3n suficiente \u00a0 DERECHO AL MINIMO VITAL DE MADRE CABEZA DE FAMILIA-Pago de salarios atrasados \u00a0 Reiteraci\u00f3n de Jurisprudencia \u00a0 Referencia: expediente T-299609 \u00a0 Acci\u00f3n de tutela instaurada por Nivia Caro Campero contra el Hospital \"Francisco Valderrama\" E.S.E. de Turbo - Antioquia. \u00a0 Magistrado Ponente: \u00a0 Dr. ALEJANDRO MART\u00cdNEZ CABALLERO \u00a0 Santa Fe de Bogot\u00e1, D.C., a los cinco (5) d\u00edas del mes de ...<br \/><div class=\"pt-cv-rmwrap\"><a href=\"https:\/\/www.dmsjuridica.com\/buscador_20179478954\/corteconstitucionalcronologico202454587\/t-823-00\/\" class=\"_self pt-cv-readmore btn btn-success\" target=\"_self\">Ver Sentencia Completa...<\/a><\/div><\/div><\/div><\/div>\n<div class=\"col-md-12 col-sm-12 col-xs-12 pt-cv-content-item pt-cv-1-col\" ><div class='pt-cv-ifield'><a href=\"https:\/\/www.dmsjuridica.com\/buscador_20179478954\/corteconstitucionalcronologico202454587\/t-822-00\/\" class=\"_self pt-cv-href-thumbnail pt-cv-thumb-default\" target=\"_self\" ><\/a>\n<div class=\"pt-cv-taxoterm above_title\"><a href='https:\/\/www.dmsjuridica.com\/buscador_20179478954\/corteconstitucionalcronologico202454587\/category\/buscar-en-toda-la-corte\/2000\/tutelas-2000\/' title='Tutelas 2000' class='pt-cv-tax-tutelas-2000'>Tutelas 2000<\/a><\/div>\n<h4 class=\"pt-cv-title\"><a href=\"https:\/\/www.dmsjuridica.com\/buscador_20179478954\/corteconstitucionalcronologico202454587\/t-822-00\/\" class=\"_self\" target=\"_self\" >T-822-00<\/a><\/h4>\n<div class=\"pt-cv-content\">\u00a0 \u00a0 Sentencia T-822\/00 \u00a0 EMPLEADOR-Responsabilidad por no pago de aportes \u00a0 DERECHO A LA SALUD-Fundamental por conexidad con la vida \u00a0 Reiteraci\u00f3n de Jurisprudencia \u00a0 Referencia: expediente T-298922 \u00a0 Acci\u00f3n de tutela instaurada por Julio Roberto C\u00e1ceres Velandia contra el Instituto de Seguros Sociales. \u00a0 Magistrado Ponente: \u00a0 Dr. ALEJANDRO MART\u00cdNEZ CABALLERO. \u00a0 Santaf\u00e9 de Bogot\u00e1 D.C., a los cinco (5) d\u00edas del mes de julio de dos mil (2000). \u00a0 La Sala Sexta de Revisi\u00f3n de la Corte Constitucional, integrada por los Magistrados doctores, Alejandro Mart\u00ednez Caballero, Fabio Mor\u00f3n D\u00edaz y Vladimiro Naranjo Mesa, en ejercicio de sus ...<br \/><div class=\"pt-cv-rmwrap\"><a href=\"https:\/\/www.dmsjuridica.com\/buscador_20179478954\/corteconstitucionalcronologico202454587\/t-822-00\/\" class=\"_self pt-cv-readmore btn btn-success\" target=\"_self\">Ver Sentencia Completa...<\/a><\/div><\/div><\/div><\/div>\n<div class=\"col-md-12 col-sm-12 col-xs-12 pt-cv-content-item pt-cv-1-col\" ><div class='pt-cv-ifield'><a href=\"https:\/\/www.dmsjuridica.com\/buscador_20179478954\/corteconstitucionalcronologico202454587\/t-821-00\/\" class=\"_self pt-cv-href-thumbnail pt-cv-thumb-default\" target=\"_self\" ><\/a>\n<div class=\"pt-cv-taxoterm above_title\"><a href='https:\/\/www.dmsjuridica.com\/buscador_20179478954\/corteconstitucionalcronologico202454587\/category\/buscar-en-toda-la-corte\/2000\/tutelas-2000\/' title='Tutelas 2000' class='pt-cv-tax-tutelas-2000'>Tutelas 2000<\/a><\/div>\n<h4 class=\"pt-cv-title\"><a href=\"https:\/\/www.dmsjuridica.com\/buscador_20179478954\/corteconstitucionalcronologico202454587\/t-821-00\/\" class=\"_self\" target=\"_self\" >T-821-00<\/a><\/h4>\n<div class=\"pt-cv-content\">\u00a0 \u00a0 Sentencia T-821\/00 \u00a0 ACCION DE TUTELA-Procedencia excepcional pago de acreencias laborales\/DERECHO AL MINIMO VITAL DEL PENSIONADO-Pago oportuno de mesadas \u00a0 Reiteraci\u00f3n de Jurisprudencia \u00a0 Referencia: expediente T-297938 \u00a0 Acci\u00f3n de tutela instaurada por Paulina Cruz Vda de Duitama contra el Municipio de C\u00facuta. \u00a0 Magistrado Ponente: \u00a0 Dr. ALEJANDRO MART\u00cdNEZ CABALLERO \u00a0 Santa Fe de Bogot\u00e1, D.C., a los cinco (5) d\u00edas del mes de julio de dos mil (2000). \u00a0 La Sala Sexta de Revisi\u00f3n de la Corte Constitucional, integrada por los Magistrados doctores Alejandro Mart\u00ednez Caballero, Fabio Mor\u00f3n D\u00edaz y Vladimiro Naranjo Mesa, en ejercicio de ...<br \/><div class=\"pt-cv-rmwrap\"><a href=\"https:\/\/www.dmsjuridica.com\/buscador_20179478954\/corteconstitucionalcronologico202454587\/t-821-00\/\" class=\"_self pt-cv-readmore btn btn-success\" target=\"_self\">Ver Sentencia Completa...<\/a><\/div><\/div><\/div><\/div>\n<div class=\"col-md-12 col-sm-12 col-xs-12 pt-cv-content-item pt-cv-1-col\" ><div class='pt-cv-ifield'><a href=\"https:\/\/www.dmsjuridica.com\/buscador_20179478954\/corteconstitucionalcronologico202454587\/t-820-00\/\" class=\"_self pt-cv-href-thumbnail pt-cv-thumb-default\" target=\"_self\" ><\/a>\n<div class=\"pt-cv-taxoterm above_title\"><a href='https:\/\/www.dmsjuridica.com\/buscador_20179478954\/corteconstitucionalcronologico202454587\/category\/buscar-en-toda-la-corte\/2000\/tutelas-2000\/' title='Tutelas 2000' class='pt-cv-tax-tutelas-2000'>Tutelas 2000<\/a><\/div>\n<h4 class=\"pt-cv-title\"><a href=\"https:\/\/www.dmsjuridica.com\/buscador_20179478954\/corteconstitucionalcronologico202454587\/t-820-00\/\" class=\"_self\" target=\"_self\" >T-820-00<\/a><\/h4>\n<div class=\"pt-cv-content\">\u00a0 \u00a0 Sentencia T-820\/00 \u00a0 ACCION DE TUTELA-Procedencia excepcional pago de acreencias laborales\/DERECHO AL MINIMO VITAL DEL TRABAJADOR-Pago oportuno de salarios \u00a0 DERECHO AL PAGO OPORTUNO DEL SALARIO-Fundamental \u00a0 SALARIO-Cesaci\u00f3n de pagos indefinidamente repercute en la familia \u00a0 Reiteraci\u00f3n de Jurisprudencia \u00a0 Referencia: expediente T-298516 \u00a0 Acci\u00f3n de tutela instaurada por Luis Le\u00f3n Vergara Romero contra el Municipio de San Pedro (Sucre). \u00a0 Magistrado Ponente: \u00a0 Dr. ALEJANDRO MART\u00cdNEZ CABALLERO \u00a0 Santa Fe de Bogot\u00e1, D.C., a los cinco (5) d\u00edas del mes de julio de dos mil (2000). \u00a0 La Sala Sexta de Revisi\u00f3n de la Corte Constitucional, integrada ...<br \/><div class=\"pt-cv-rmwrap\"><a href=\"https:\/\/www.dmsjuridica.com\/buscador_20179478954\/corteconstitucionalcronologico202454587\/t-820-00\/\" class=\"_self pt-cv-readmore btn btn-success\" target=\"_self\">Ver Sentencia Completa...<\/a><\/div><\/div><\/div><\/div>\n<div class=\"col-md-12 col-sm-12 col-xs-12 pt-cv-content-item pt-cv-1-col\" ><div class='pt-cv-ifield'><a href=\"https:\/\/www.dmsjuridica.com\/buscador_20179478954\/corteconstitucionalcronologico202454587\/t-819-00\/\" class=\"_self pt-cv-href-thumbnail pt-cv-thumb-default\" target=\"_self\" ><\/a>\n<div class=\"pt-cv-taxoterm above_title\"><a href='https:\/\/www.dmsjuridica.com\/buscador_20179478954\/corteconstitucionalcronologico202454587\/category\/buscar-en-toda-la-corte\/2000\/tutelas-2000\/' title='Tutelas 2000' class='pt-cv-tax-tutelas-2000'>Tutelas 2000<\/a><\/div>\n<h4 class=\"pt-cv-title\"><a href=\"https:\/\/www.dmsjuridica.com\/buscador_20179478954\/corteconstitucionalcronologico202454587\/t-819-00\/\" class=\"_self\" target=\"_self\" >T-819-00<\/a><\/h4>\n<div class=\"pt-cv-content\">\u00a0 \u00a0 Sentencia T-819\/00 \u00a0 ACCION DE TUTELA-Procedencia excepcional pago de acreencias laborales\/DERECHO AL MINIMO VITAL DEL TRABAJADOR-Pago oportuno de salarios \u00a0 DERECHO AL PAGO OPORTUNO DEL SALARIO-Fundamental \u00a0 ACCION DE TUTELA-Hecho superado \u00a0 Reiteraci\u00f3n de Jurisprudencia \u00a0 Referencia: expediente T-297647 \u00a0 Acci\u00f3n de tutela instaurada por Ana Arcelia Roa Ballesteros, Darlly Yalvi Llanos de Mendoza, Dario Morales Herrera, Edgar Alfonso Rodr\u00edguez, Bernal, Renzo Vargas V\u00e9lez, Blanca In\u00e9s Ducuara de Palma y Alba Julieta Caicedo contra el Gobernador del Departamento del Tolima, Secretario de Educaci\u00f3n Departamental y otros. \u00a0 Magistrado Ponente: \u00a0 Dr. ALEJANDRO MART\u00cdNEZ CABALLERO \u00a0 Santa Fe de ...<br \/><div class=\"pt-cv-rmwrap\"><a href=\"https:\/\/www.dmsjuridica.com\/buscador_20179478954\/corteconstitucionalcronologico202454587\/t-819-00\/\" class=\"_self pt-cv-readmore btn btn-success\" target=\"_self\">Ver Sentencia Completa...<\/a><\/div><\/div><\/div><\/div>\n<div class=\"col-md-12 col-sm-12 col-xs-12 pt-cv-content-item pt-cv-1-col\" ><div class='pt-cv-ifield'><a href=\"https:\/\/www.dmsjuridica.com\/buscador_20179478954\/corteconstitucionalcronologico202454587\/t-818-00\/\" class=\"_self pt-cv-href-thumbnail pt-cv-thumb-default\" target=\"_self\" ><\/a>\n<div class=\"pt-cv-taxoterm above_title\"><a href='https:\/\/www.dmsjuridica.com\/buscador_20179478954\/corteconstitucionalcronologico202454587\/category\/buscar-en-toda-la-corte\/2000\/tutelas-2000\/' title='Tutelas 2000' class='pt-cv-tax-tutelas-2000'>Tutelas 2000<\/a><\/div>\n<h4 class=\"pt-cv-title\"><a href=\"https:\/\/www.dmsjuridica.com\/buscador_20179478954\/corteconstitucionalcronologico202454587\/t-818-00\/\" class=\"_self\" target=\"_self\" >T-818-00<\/a><\/h4>\n<div class=\"pt-cv-content\">\u00a0 \u00a0 Sentencia T-818\/00 \u00a0 ACCION DE TUTELA-Procedencia excepcional pago de acreencias laborales\/DERECHO AL MINIMO VITAL DEL TRABAJADOR-Pago oportuno de salarios \u00a0 DERECHO AL MINIMO VITAL DEL TRABAJADOR-Alcance \u00a0 Reiteraci\u00f3n de Jurisprudencia \u00a0 Referencia: expediente T-298277 \u00a0 Acci\u00f3n de tutela instaurada por Rubiela Rosa Obando Vinazco contra el Hospital de San Juan de Dios de Cali. \u00a0 Magistrado Ponente: \u00a0 Dr. ALEJANDRO MART\u00cdNEZ CABALLERO \u00a0 Santa Fe de Bogot\u00e1, D.C., a los cinco (5) d\u00edas del mes de julio de dos mil (2000). \u00a0 \u00a0 \u00a0 \u00a0\u00a0 \u00a0 La Sala Sexta de Revisi\u00f3n de la Corte Constitucional, en ejercicio de ...<br \/><div class=\"pt-cv-rmwrap\"><a href=\"https:\/\/www.dmsjuridica.com\/buscador_20179478954\/corteconstitucionalcronologico202454587\/t-818-00\/\" class=\"_self pt-cv-readmore btn btn-success\" target=\"_self\">Ver Sentencia Completa...<\/a><\/div><\/div><\/div><\/div>\n<div class=\"col-md-12 col-sm-12 col-xs-12 pt-cv-content-item pt-cv-1-col\" ><div class='pt-cv-ifield'><a href=\"https:\/\/www.dmsjuridica.com\/buscador_20179478954\/corteconstitucionalcronologico202454587\/t-817-00\/\" class=\"_self pt-cv-href-thumbnail pt-cv-thumb-default\" target=\"_self\" ><\/a>\n<div class=\"pt-cv-taxoterm above_title\"><a href='https:\/\/www.dmsjuridica.com\/buscador_20179478954\/corteconstitucionalcronologico202454587\/category\/buscar-en-toda-la-corte\/2000\/tutelas-2000\/' title='Tutelas 2000' class='pt-cv-tax-tutelas-2000'>Tutelas 2000<\/a><\/div>\n<h4 class=\"pt-cv-title\"><a href=\"https:\/\/www.dmsjuridica.com\/buscador_20179478954\/corteconstitucionalcronologico202454587\/t-817-00\/\" class=\"_self\" target=\"_self\" >T-817-00<\/a><\/h4>\n<div class=\"pt-cv-content\">\u00a0 \u00a0 Sentencia T-817\/00 \u00a0 ACCION DE TUTELA-Procedencia excepcional pago de acreencias laborales\/DERECHO AL MINIMO VITAL DEL TRABAJADOR-Pago oportuno de salarios \u00a0 EMPLEADOR-Falta de presupuesto o insolvencia para pago oportuno de salarios no es raz\u00f3n suficiente \u00a0 Reiteraci\u00f3n de jurisprudencia \u00a0 Referencia: expediente T-299774 \u00a0 Acci\u00f3n de tutela instaurada por Cenelia Su\u00e1rez Ria\u00f1o contra la el Hospital San Juan de Dios de Armenia. \u00a0 Magistrado ponente: \u00a0 Dr. ALEJANDRO MART\u00cdNEZ CABALLERO \u00a0 Santa Fe de Bogot\u00e1 D.C., a los cinco (5) d\u00eda del mes de julio de dos mil (2000). \u00a0 La Sala Sexta de Revisi\u00f3n de la Corte Constitucional, ...<br \/><div class=\"pt-cv-rmwrap\"><a href=\"https:\/\/www.dmsjuridica.com\/buscador_20179478954\/corteconstitucionalcronologico202454587\/t-817-00\/\" class=\"_self pt-cv-readmore btn btn-success\" target=\"_self\">Ver Sentencia Completa...<\/a><\/div><\/div><\/div><\/div>\n<div class=\"col-md-12 col-sm-12 col-xs-12 pt-cv-content-item pt-cv-1-col\" ><div class='pt-cv-ifield'><a href=\"https:\/\/www.dmsjuridica.com\/buscador_20179478954\/corteconstitucionalcronologico202454587\/t-816-00\/\" class=\"_self pt-cv-href-thumbnail pt-cv-thumb-default\" target=\"_self\" ><\/a>\n<div class=\"pt-cv-taxoterm above_title\"><a href='https:\/\/www.dmsjuridica.com\/buscador_20179478954\/corteconstitucionalcronologico202454587\/category\/buscar-en-toda-la-corte\/2000\/tutelas-2000\/' title='Tutelas 2000' class='pt-cv-tax-tutelas-2000'>Tutelas 2000<\/a><\/div>\n<h4 class=\"pt-cv-title\"><a href=\"https:\/\/www.dmsjuridica.com\/buscador_20179478954\/corteconstitucionalcronologico202454587\/t-816-00\/\" class=\"_self\" target=\"_self\" >T-816-00<\/a><\/h4>\n<div class=\"pt-cv-content\">\u00a0 \u00a0 Sentencia T-816\/00 \u00a0 ACCION DE TUTELA-Improcedencia general pago de acreencias laborales\/ACCION DE TUTELA-Procedencia excepcional pago de acreencias laborales \u00a0 Reiteraci\u00f3n de Jurisprudencia \u00a0 Referencia: expediente T-298756 \u00a0 Acci\u00f3n de tutela instaurada por Jos\u00e9 M\u00e1rquez Viveros contra las Empresas Municipales de Cali EMCALI E.I.C.E. E.S.P. \u00a0 Magistrado Ponente: \u00a0 Dr. ALEJANDRO MART\u00cdNEZ CABALLERO. \u00a0 Santaf\u00e9 de Bogot\u00e1 D.C., a los cinco (5) d\u00edas del mes de julio de dos mil (2000). \u00a0 La Sala Sexta de Revisi\u00f3n de la Corte Constitucional, integrada por los Magistrados Alejandro Mart\u00ednez Caballero, Fabio Mor\u00f3n D\u00edaz y Vladimiro Naranjo Mesa, en ejercicio de sus ...<br \/><div class=\"pt-cv-rmwrap\"><a href=\"https:\/\/www.dmsjuridica.com\/buscador_20179478954\/corteconstitucionalcronologico202454587\/t-816-00\/\" class=\"_self pt-cv-readmore btn btn-success\" target=\"_self\">Ver Sentencia Completa...<\/a><\/div><\/div><\/div><\/div>\n<div class=\"col-md-12 col-sm-12 col-xs-12 pt-cv-content-item pt-cv-1-col\" ><div class='pt-cv-ifield'><a href=\"https:\/\/www.dmsjuridica.com\/buscador_20179478954\/corteconstitucionalcronologico202454587\/t-815-00\/\" class=\"_self pt-cv-href-thumbnail pt-cv-thumb-default\" target=\"_self\" ><\/a>\n<div class=\"pt-cv-taxoterm above_title\"><a href='https:\/\/www.dmsjuridica.com\/buscador_20179478954\/corteconstitucionalcronologico202454587\/category\/buscar-en-toda-la-corte\/2000\/tutelas-2000\/' title='Tutelas 2000' class='pt-cv-tax-tutelas-2000'>Tutelas 2000<\/a><\/div>\n<h4 class=\"pt-cv-title\"><a href=\"https:\/\/www.dmsjuridica.com\/buscador_20179478954\/corteconstitucionalcronologico202454587\/t-815-00\/\" class=\"_self\" target=\"_self\" >T-815-00<\/a><\/h4>\n<div class=\"pt-cv-content\">\u00a0 \u00a0 Sentencia T-815\/00 \u00a0 ACCION DE TUTELA-Informalidad \u00a0 ACCION DE TUTELA-Improcedencia para ordenar incluir en el sistema nacional de normalizaci\u00f3n un producto \u00a0 La solicitud de que se ordene incluir el producto fabricado por la entidad accionante en el Sistema Nacional de Normalizaci\u00f3n como tambi\u00e9n la pretensi\u00f3n de que el juez de tutela ordene poner en vigencia la norma, no procede por v\u00eda de tutela, en raz\u00f3n a que en el expediente obran conceptos que aceptan y otros que descalifican el producto, lo cual nos indica que lo pedido no procede resolverlo utilizando mecanismos propios de la evidencia a ...<br \/><div class=\"pt-cv-rmwrap\"><a href=\"https:\/\/www.dmsjuridica.com\/buscador_20179478954\/corteconstitucionalcronologico202454587\/t-815-00\/\" class=\"_self pt-cv-readmore btn btn-success\" target=\"_self\">Ver Sentencia Completa...<\/a><\/div><\/div><\/div><\/div>\n<div class=\"col-md-12 col-sm-12 col-xs-12 pt-cv-content-item pt-cv-1-col\" ><div class='pt-cv-ifield'><a href=\"https:\/\/www.dmsjuridica.com\/buscador_20179478954\/corteconstitucionalcronologico202454587\/t-814-00\/\" class=\"_self pt-cv-href-thumbnail pt-cv-thumb-default\" target=\"_self\" ><\/a>\n<div class=\"pt-cv-taxoterm above_title\"><a href='https:\/\/www.dmsjuridica.com\/buscador_20179478954\/corteconstitucionalcronologico202454587\/category\/buscar-en-toda-la-corte\/2000\/tutelas-2000\/' title='Tutelas 2000' class='pt-cv-tax-tutelas-2000'>Tutelas 2000<\/a><\/div>\n<h4 class=\"pt-cv-title\"><a href=\"https:\/\/www.dmsjuridica.com\/buscador_20179478954\/corteconstitucionalcronologico202454587\/t-814-00\/\" class=\"_self\" target=\"_self\" >T-814-00<\/a><\/h4>\n<div class=\"pt-cv-content\">\u00a0 \u00a0 Sentencia T-814\/00 \u00a0 VIA DE HECHO-Alcance \u00a0 VIA DE HECHO-Procedencia excepcional de tutela \u00a0 PRINCIPIO NO REFORMATIO IN PEJUS-Inoperancia en grado de consulta\/CONSULTA-Agravaci\u00f3n situaci\u00f3n del imputado \u00a0 DEBIDO PROCESO-Notificaci\u00f3n del auto que convoc\u00f3 consejo verbal de guerra \u00a0 Referencia: expediente T-297882 \u00a0 Acci\u00f3n de Tutela instaurada Por Fabio Leon Ortega Gomez contra el Tribunal Superior Militar de Santa Fe de Bogot\u00e1. \u00a0 Magistrado Ponente: \u00a0 Dr. FABIO MORON DIAZ\u00a0 \u00a0 Santaf\u00e9 de Bogot\u00e1, D.C., julio cuatro (4) del a\u00f1o dos mil (2000) \u00a0\u00a0 \u00a0 SENTENCIA \u00a0 en el proceso de revisi\u00f3n de los fallos expedidos por el Juzgado ...<br \/><div class=\"pt-cv-rmwrap\"><a href=\"https:\/\/www.dmsjuridica.com\/buscador_20179478954\/corteconstitucionalcronologico202454587\/t-814-00\/\" class=\"_self pt-cv-readmore btn btn-success\" target=\"_self\">Ver Sentencia Completa...<\/a><\/div><\/div><\/div><\/div>\n<div class=\"col-md-12 col-sm-12 col-xs-12 pt-cv-content-item pt-cv-1-col\" ><div class='pt-cv-ifield'><a href=\"https:\/\/www.dmsjuridica.com\/buscador_20179478954\/corteconstitucionalcronologico202454587\/t-813-00\/\" class=\"_self pt-cv-href-thumbnail pt-cv-thumb-default\" target=\"_self\" ><\/a>\n<div class=\"pt-cv-taxoterm above_title\"><a href='https:\/\/www.dmsjuridica.com\/buscador_20179478954\/corteconstitucionalcronologico202454587\/category\/buscar-en-toda-la-corte\/2000\/tutelas-2000\/' title='Tutelas 2000' class='pt-cv-tax-tutelas-2000'>Tutelas 2000<\/a><\/div>\n<h4 class=\"pt-cv-title\"><a href=\"https:\/\/www.dmsjuridica.com\/buscador_20179478954\/corteconstitucionalcronologico202454587\/t-813-00\/\" class=\"_self\" target=\"_self\" >T-813-00<\/a><\/h4>\n<div class=\"pt-cv-content\">\u00a0 \u00a0 Sentencia T-813\/00 \u00a0 DERECHO AL LIBRE DESARROLLO DE LA PERSONALIDAD-Alferez de la Escuela Militar tiene derecho a escoger libremente su estado civil y a procrear\/REGLAMENTO DE LA ESCUELA MILITAR DE CADETES-Inaplicaci\u00f3n \u00a0 La decisi\u00f3n adoptada por el Subdirector de la Escuela Militar de Cadetes \"Jos\u00e9 Mar\u00eda C\u00f3rdova\" corresponde sin duda a una inadmisible intromisi\u00f3n del establecimiento educativo militar en la vida privada y en el libre desarrollo de la personalidad del alf\u00e9rez demandante (arts. 15 y 16 de la Constituci\u00f3n), as\u00ed como en la decisi\u00f3n exclusiva de la pareja acerca de si se unen o no en matrimonio ...<br \/><div class=\"pt-cv-rmwrap\"><a href=\"https:\/\/www.dmsjuridica.com\/buscador_20179478954\/corteconstitucionalcronologico202454587\/t-813-00\/\" class=\"_self pt-cv-readmore btn btn-success\" target=\"_self\">Ver Sentencia Completa...<\/a><\/div><\/div><\/div><\/div>\n<div class=\"col-md-12 col-sm-12 col-xs-12 pt-cv-content-item pt-cv-1-col\" ><div class='pt-cv-ifield'><a href=\"https:\/\/www.dmsjuridica.com\/buscador_20179478954\/corteconstitucionalcronologico202454587\/t-812-00\/\" class=\"_self pt-cv-href-thumbnail pt-cv-thumb-default\" target=\"_self\" ><\/a>\n<div class=\"pt-cv-taxoterm above_title\"><a href='https:\/\/www.dmsjuridica.com\/buscador_20179478954\/corteconstitucionalcronologico202454587\/category\/buscar-en-toda-la-corte\/2000\/tutelas-2000\/' title='Tutelas 2000' class='pt-cv-tax-tutelas-2000'>Tutelas 2000<\/a><\/div>\n<h4 class=\"pt-cv-title\"><a href=\"https:\/\/www.dmsjuridica.com\/buscador_20179478954\/corteconstitucionalcronologico202454587\/t-812-00\/\" class=\"_self\" target=\"_self\" >T-812-00<\/a><\/h4>\n<div class=\"pt-cv-content\">\u00a0 \u00a0 Sentencia T-812\/00 \u00a0 ACCION DE TUTELA-Subsidiariedad\/ACCION DE TUTELA-Improcedencia por no demostraci\u00f3n de perjuicio irremediable \u00a0 Referencia: expediente T-298511 \u00a0 Acci\u00f3n de tutela instaurada por Bernardo Montoya Puerta, en su calidad de Alcalde de Fredonia (Antioquia) contra el Departamento Nacional de Planeaci\u00f3n. \u00a0 Magistrado Ponente: \u00a0 Dr. ANTONIO BARRERA CARBONELL \u00a0 Santaf\u00e9 de Bogot\u00e1, D.C. julio cuatro (4) de dos mil (2000). \u00a0 La Sala Primera de Revisi\u00f3n de la Corte Constitucional, integrada por los Magistrados Antonio Barrera Carbonell, Alfredo Beltr\u00e1n Sierra y Eduardo Cifuentes Mu\u00f1oz, en ejercicio de sus competencias constitucionales y legales ha proferido la siguiente \u00a0 ...<br \/><div class=\"pt-cv-rmwrap\"><a href=\"https:\/\/www.dmsjuridica.com\/buscador_20179478954\/corteconstitucionalcronologico202454587\/t-812-00\/\" class=\"_self pt-cv-readmore btn btn-success\" target=\"_self\">Ver Sentencia Completa...<\/a><\/div><\/div><\/div><\/div>\n<div class=\"col-md-12 col-sm-12 col-xs-12 pt-cv-content-item pt-cv-1-col\" ><div class='pt-cv-ifield'><a href=\"https:\/\/www.dmsjuridica.com\/buscador_20179478954\/corteconstitucionalcronologico202454587\/t-811-00\/\" class=\"_self pt-cv-href-thumbnail pt-cv-thumb-default\" target=\"_self\" ><\/a>\n<div class=\"pt-cv-taxoterm above_title\"><a href='https:\/\/www.dmsjuridica.com\/buscador_20179478954\/corteconstitucionalcronologico202454587\/category\/buscar-en-toda-la-corte\/2000\/tutelas-2000\/' title='Tutelas 2000' class='pt-cv-tax-tutelas-2000'>Tutelas 2000<\/a><\/div>\n<h4 class=\"pt-cv-title\"><a href=\"https:\/\/www.dmsjuridica.com\/buscador_20179478954\/corteconstitucionalcronologico202454587\/t-811-00\/\" class=\"_self\" target=\"_self\" >T-811-00<\/a><\/h4>\n<div class=\"pt-cv-content\">\u00a0 \u00a0 Sentencia T-811\/00 \u00a0 DERECHO A LA EDUCACION DEL NI\u00d1O-Prohibici\u00f3n de retiro de clases o retenci\u00f3n de certificado de estudios por no pago de pensi\u00f3n \u00a0 DERECHO A LA EDUCACION DEL NI\u00d1O-Prohibici\u00f3n de retiro en a\u00f1o lectivo y grados que la Constituci\u00f3n se\u00f1ala \u00a0 ACCION DE TUTELA-Carencia actual de objeto \u00a0 Referencia: expediente T-241144\u00a0 \u00a0 Magistrado Ponente: \u00a0 Dr. JOS\u00c9 GREGORIO HERN\u00c1NDEZ GALINDO \u00a0 Santa Fe de Bogot\u00e1 D.C., treinta (30) de junio de dos mil (2000). \u00a0 La Sala Quinta de Revisi\u00f3n de la Corte Constitucional, en ejercicio de sus competencias constitucionales y legales, espec\u00edficamente las previstas en ...<br \/><div class=\"pt-cv-rmwrap\"><a href=\"https:\/\/www.dmsjuridica.com\/buscador_20179478954\/corteconstitucionalcronologico202454587\/t-811-00\/\" class=\"_self pt-cv-readmore btn btn-success\" target=\"_self\">Ver Sentencia Completa...<\/a><\/div><\/div><\/div><\/div>\n<div class=\"col-md-12 col-sm-12 col-xs-12 pt-cv-content-item pt-cv-1-col\" ><div class='pt-cv-ifield'><a href=\"https:\/\/www.dmsjuridica.com\/buscador_20179478954\/corteconstitucionalcronologico202454587\/t-809-00\/\" class=\"_self pt-cv-href-thumbnail pt-cv-thumb-default\" target=\"_self\" ><\/a>\n<div class=\"pt-cv-taxoterm above_title\"><a href='https:\/\/www.dmsjuridica.com\/buscador_20179478954\/corteconstitucionalcronologico202454587\/category\/buscar-en-toda-la-corte\/2000\/tutelas-2000\/' title='Tutelas 2000' class='pt-cv-tax-tutelas-2000'>Tutelas 2000<\/a><\/div>\n<h4 class=\"pt-cv-title\"><a href=\"https:\/\/www.dmsjuridica.com\/buscador_20179478954\/corteconstitucionalcronologico202454587\/t-809-00\/\" class=\"_self\" target=\"_self\" >T-809-00<\/a><\/h4>\n<div class=\"pt-cv-content\">\u00a0 \u00a0 Sentencia T-809\/00 \u00a0 ACCION DE TUTELA CONTRA INCUMPLIMIENTO DE FALLOS JUDICIALES \u00a0 DERECHO DE ACCESO A LA ADMINISTRACION DE JUSTICIA-Alcance \u00a0 PROCESO EJECUTIVO-Ineficacia para reintegro al servicio \u00a0 PRINCIPIO DE FAVORABILIDAD LABORAL-Vulneraci\u00f3n\/DERECHO DE ACCESO A LA ADMINISTRACION DE JUSTICIA-Vulneraci\u00f3n\/DERECHO AL TRABAJO-Reintegro al cargo bajo modalidad de relaci\u00f3n laboral y no de contrato de prestaci\u00f3n de servicios \u00a0 En aras de una supuesta interpretaci\u00f3n frente a la forma en que se ha de ejecutar la Sentencia por parte del ISS no puede desconocerse la naturaleza de la providencia judicial o hacerlo en unas espec\u00edficas condiciones que contrar\u00edan el fin ...<br \/><div class=\"pt-cv-rmwrap\"><a href=\"https:\/\/www.dmsjuridica.com\/buscador_20179478954\/corteconstitucionalcronologico202454587\/t-809-00\/\" class=\"_self pt-cv-readmore btn btn-success\" target=\"_self\">Ver Sentencia Completa...<\/a><\/div><\/div><\/div><\/div>\n<div class=\"col-md-12 col-sm-12 col-xs-12 pt-cv-content-item pt-cv-1-col\" ><div class='pt-cv-ifield'><a href=\"https:\/\/www.dmsjuridica.com\/buscador_20179478954\/corteconstitucionalcronologico202454587\/t-808-00\/\" class=\"_self pt-cv-href-thumbnail pt-cv-thumb-default\" target=\"_self\" ><\/a>\n<div class=\"pt-cv-taxoterm above_title\"><a href='https:\/\/www.dmsjuridica.com\/buscador_20179478954\/corteconstitucionalcronologico202454587\/category\/buscar-en-toda-la-corte\/2000\/tutelas-2000\/' title='Tutelas 2000' class='pt-cv-tax-tutelas-2000'>Tutelas 2000<\/a><\/div>\n<h4 class=\"pt-cv-title\"><a href=\"https:\/\/www.dmsjuridica.com\/buscador_20179478954\/corteconstitucionalcronologico202454587\/t-808-00\/\" class=\"_self\" target=\"_self\" >T-808-00<\/a><\/h4>\n<div class=\"pt-cv-content\">\u00a0 \u00a0 Sentencia T-808\/00 \u00a0 ACCION DE TUTELA-Subsidiariedad \u00a0 DERECHO AL MINIMO VITAL DEL TRABAJADOR-Presunci\u00f3n de afectaci\u00f3n por ausencia prolongada en pago de salarios \u00a0 DERECHO AL MINIMO VITAL DEL TRABAJADOR-No afectaci\u00f3n por no pago de primas complementarias de salario a educadores \u00a0 Referencia: expedientes T-293.340,T-293.343,T-296.492.\u00a0 \u00a0 Accionantes: Martha Luc\u00eda C\u00e1rdenas Palacio, Oscar Fernando Grisales Vergara y Mario Jaime Jaramillo L\u00f3pez.\u00a0 \u00a0 Magistrado Ponente: \u00a0 Dr. ANTONIO BARRERA CARBONELL \u00a0 Santaf\u00e9 de Bogot\u00e1, D.C., veintinueve (29) de junio de dos mil (2000). \u00a0 La Sala Primera de Revisi\u00f3n de la Corte Constitucional, integrada por los magistrados ANTONIO BARRERA CARBONELL, ALFREDO ...<br \/><div class=\"pt-cv-rmwrap\"><a href=\"https:\/\/www.dmsjuridica.com\/buscador_20179478954\/corteconstitucionalcronologico202454587\/t-808-00\/\" class=\"_self pt-cv-readmore btn btn-success\" target=\"_self\">Ver Sentencia Completa...<\/a><\/div><\/div><\/div><\/div>\n<div class=\"col-md-12 col-sm-12 col-xs-12 pt-cv-content-item pt-cv-1-col\" ><div class='pt-cv-ifield'><a href=\"https:\/\/www.dmsjuridica.com\/buscador_20179478954\/corteconstitucionalcronologico202454587\/t-807-00\/\" class=\"_self pt-cv-href-thumbnail pt-cv-thumb-default\" target=\"_self\" ><\/a>\n<div class=\"pt-cv-taxoterm above_title\"><a href='https:\/\/www.dmsjuridica.com\/buscador_20179478954\/corteconstitucionalcronologico202454587\/category\/buscar-en-toda-la-corte\/2000\/tutelas-2000\/' title='Tutelas 2000' class='pt-cv-tax-tutelas-2000'>Tutelas 2000<\/a><\/div>\n<h4 class=\"pt-cv-title\"><a href=\"https:\/\/www.dmsjuridica.com\/buscador_20179478954\/corteconstitucionalcronologico202454587\/t-807-00\/\" class=\"_self\" target=\"_self\" >T-807-00<\/a><\/h4>\n<div class=\"pt-cv-content\">\u00a0 \u00a0 Sentencia T-807\/00 \u00a0 DERECHO DE PETICION-Alcance \u00a0 ACTO ADMINISTRATIVO-Por regla general no tiene modelo espec\u00edfico \u00a0 La regla general es que los actos administrativos no tienen un modelo espec\u00edfico, la excepci\u00f3n es que algunos la tengan, que no es el caso de la autorizaci\u00f3n que debe proferir la entidad que aqu\u00ed se acusa. As\u00ed, tendiendo en cuenta que \u00a0los actos de la administraci\u00f3n \u00a0pueden revestir una u otra forma, lo importante es que en ellos se puede identificar una manifestaci\u00f3n de la voluntad de la administraci\u00f3n, tendiente a producir efectos jur\u00eddicos, \u00a0para que los mismos sean catalogados como ...<br \/><div class=\"pt-cv-rmwrap\"><a href=\"https:\/\/www.dmsjuridica.com\/buscador_20179478954\/corteconstitucionalcronologico202454587\/t-807-00\/\" class=\"_self pt-cv-readmore btn btn-success\" target=\"_self\">Ver Sentencia Completa...<\/a><\/div><\/div><\/div><\/div>\n<div class=\"col-md-12 col-sm-12 col-xs-12 pt-cv-content-item pt-cv-1-col\" ><div class='pt-cv-ifield'><a href=\"https:\/\/www.dmsjuridica.com\/buscador_20179478954\/corteconstitucionalcronologico202454587\/t-806-00\/\" class=\"_self pt-cv-href-thumbnail pt-cv-thumb-default\" target=\"_self\" ><\/a>\n<div class=\"pt-cv-taxoterm above_title\"><a href='https:\/\/www.dmsjuridica.com\/buscador_20179478954\/corteconstitucionalcronologico202454587\/category\/buscar-en-toda-la-corte\/2000\/tutelas-2000\/' title='Tutelas 2000' class='pt-cv-tax-tutelas-2000'>Tutelas 2000<\/a><\/div>\n<h4 class=\"pt-cv-title\"><a href=\"https:\/\/www.dmsjuridica.com\/buscador_20179478954\/corteconstitucionalcronologico202454587\/t-806-00\/\" class=\"_self\" target=\"_self\" >T-806-00<\/a><\/h4>\n<div class=\"pt-cv-content\">\u00a0 \u00a0 Sentencia T-806\/00 \u00a0 FUERO MILITAR-Fines \u00a0 El fuero militar es el derecho de que gozan miembros \u00a0de la fuerza p\u00fablica, por el hecho de pertenecer a \u00e9sta, de ser \u00a0juzgados \u00a0por un juez diverso al que ordinariamente tiene la competencia para el efecto y cuya finalidad \u201ces que, dentro de los marcos de la Constituci\u00f3n, .... est\u00e9n cubiertos en sus actividades de servicio por un r\u00e9gimen jur\u00eddico penal especial, tanto sustantivo como procedimental, que sea acorde con la especificidad de la organizaci\u00f3n y funcionamiento de la Fuerza P\u00fablica.\u201d. \u00a0 FUERO PENAL MILITAR-El delito debe tener relaci\u00f3n directa y ...<br \/><div class=\"pt-cv-rmwrap\"><a href=\"https:\/\/www.dmsjuridica.com\/buscador_20179478954\/corteconstitucionalcronologico202454587\/t-806-00\/\" class=\"_self pt-cv-readmore btn btn-success\" target=\"_self\">Ver Sentencia Completa...<\/a><\/div><\/div><\/div><\/div>\n<div class=\"col-md-12 col-sm-12 col-xs-12 pt-cv-content-item pt-cv-1-col\" ><div class='pt-cv-ifield'><a href=\"https:\/\/www.dmsjuridica.com\/buscador_20179478954\/corteconstitucionalcronologico202454587\/t-791-00\/\" class=\"_self pt-cv-href-thumbnail pt-cv-thumb-default\" target=\"_self\" ><\/a>\n<div class=\"pt-cv-taxoterm above_title\"><a href='https:\/\/www.dmsjuridica.com\/buscador_20179478954\/corteconstitucionalcronologico202454587\/category\/buscar-en-toda-la-corte\/2000\/tutelas-2000\/' title='Tutelas 2000' class='pt-cv-tax-tutelas-2000'>Tutelas 2000<\/a><\/div>\n<h4 class=\"pt-cv-title\"><a href=\"https:\/\/www.dmsjuridica.com\/buscador_20179478954\/corteconstitucionalcronologico202454587\/t-791-00\/\" class=\"_self\" target=\"_self\" >T-791-00<\/a><\/h4>\n<div class=\"pt-cv-content\">\u00a0 \u00a0 Sentencia T-791\/00 \u00a0 PRINCIPIO DE LA CONFIANZA LEGITIMA-Alcance \u00a0 PRINCIPIO DE LA BUENA FE-Alcance \u00a0 DERECHO A LA IGUALDAD-Dificultades financieras de la administraci\u00f3n \u00a0 La Corte no pretende desconocer las condiciones que rodean la situaci\u00f3n financiera del Estado, o proponer la instrumentaci\u00f3n de f\u00f3rmulas fiscales ut\u00f3picas que sin ninguna consideraci\u00f3n por la realidad econ\u00f3mica, dispongan el pago inmediato e indiscriminado de toda deuda. \u00a0Sin embargo, la crisis de la hacienda p\u00fablica no puede traducirse en el desconocimiento de derechos fundamentales de los ciudadanos -como bien puede serlo el principio de la buena fe en las relaciones entre el ...<br \/><div class=\"pt-cv-rmwrap\"><a href=\"https:\/\/www.dmsjuridica.com\/buscador_20179478954\/corteconstitucionalcronologico202454587\/t-791-00\/\" class=\"_self pt-cv-readmore btn btn-success\" target=\"_self\">Ver Sentencia Completa...<\/a><\/div><\/div><\/div><\/div>\n<div class=\"col-md-12 col-sm-12 col-xs-12 pt-cv-content-item pt-cv-1-col\" ><div class='pt-cv-ifield'><a href=\"https:\/\/www.dmsjuridica.com\/buscador_20179478954\/corteconstitucionalcronologico202454587\/t-790-00\/\" class=\"_self pt-cv-href-thumbnail pt-cv-thumb-default\" target=\"_self\" ><\/a>\n<div class=\"pt-cv-taxoterm above_title\"><a href='https:\/\/www.dmsjuridica.com\/buscador_20179478954\/corteconstitucionalcronologico202454587\/category\/buscar-en-toda-la-corte\/2000\/tutelas-2000\/' title='Tutelas 2000' class='pt-cv-tax-tutelas-2000'>Tutelas 2000<\/a><\/div>\n<h4 class=\"pt-cv-title\"><a href=\"https:\/\/www.dmsjuridica.com\/buscador_20179478954\/corteconstitucionalcronologico202454587\/t-790-00\/\" class=\"_self\" target=\"_self\" >T-790-00<\/a><\/h4>\n<div class=\"pt-cv-content\">\u00a0 \u00a0 Sentencia T-790\/00 \u00a0 ACCION DE TUTELA CONTRA PARTICULARES-Prestaci\u00f3n de servicio p\u00fablico \u00a0 DEBIDO PROCESO-Vulneraci\u00f3n por no reconocimiento de prestaciones econ\u00f3micas y asistenciales\/DERECHO A LA SEGURIDAD SOCIAL-Vulneraci\u00f3n por no reconocimiento de prestaciones econ\u00f3micas y asistenciales \u00a0 Frente a esos hechos, y a la firmeza que adquiri\u00f3 el dictamen de la Junta Regional de Calificaci\u00f3n, debido a la consignaci\u00f3n tard\u00eda -de parte de Seguros de Vida Alfa S.A.-, de los honorarios para hacer procedente la segunda instancia, resulta meridianamente claro que esa administradora de riesgos profesionales viol\u00f3 el derecho del actor a un proceso administrativo \"...sin dilaciones injustificadas...\", y por ...<br \/><div class=\"pt-cv-rmwrap\"><a href=\"https:\/\/www.dmsjuridica.com\/buscador_20179478954\/corteconstitucionalcronologico202454587\/t-790-00\/\" class=\"_self pt-cv-readmore btn btn-success\" target=\"_self\">Ver Sentencia Completa...<\/a><\/div><\/div><\/div><\/div>\n<div class=\"col-md-12 col-sm-12 col-xs-12 pt-cv-content-item pt-cv-1-col\" ><div class='pt-cv-ifield'><a href=\"https:\/\/www.dmsjuridica.com\/buscador_20179478954\/corteconstitucionalcronologico202454587\/t-789-00\/\" class=\"_self pt-cv-href-thumbnail pt-cv-thumb-default\" target=\"_self\" ><\/a>\n<div class=\"pt-cv-taxoterm above_title\"><a href='https:\/\/www.dmsjuridica.com\/buscador_20179478954\/corteconstitucionalcronologico202454587\/category\/buscar-en-toda-la-corte\/2000\/tutelas-2000\/' title='Tutelas 2000' class='pt-cv-tax-tutelas-2000'>Tutelas 2000<\/a><\/div>\n<h4 class=\"pt-cv-title\"><a href=\"https:\/\/www.dmsjuridica.com\/buscador_20179478954\/corteconstitucionalcronologico202454587\/t-789-00\/\" class=\"_self\" target=\"_self\" >T-789-00<\/a><\/h4>\n<div class=\"pt-cv-content\">\u00a0 \u00a0 Sentencia T-789\/00 \u00a0 TEST DE IGUALDAD-Aplicaci\u00f3n\/DERECHO A LA IGUALDAD-Test de igualdad determina posible vulneraci\u00f3n del derecho \u00a0 Respecto del caso concreto, los sujetos son aquellas personas interesadas en entrar a formar parte del sistema educativo como estudiantes del grado sexto en los colegios demandados; y el bien del que se trata es la admisi\u00f3n a uno de esos planteles educativos, dentro de los cuales pueden hacer cabal ejercicio de su \u00a0derecho fundamental a la educaci\u00f3n en el ciclo b\u00e1sico obligatorio. Finalmente, debe considerarse que el criterio empleado por las autoridades demandadas para establecer la distinci\u00f3n entre los aspirantes ...<br \/><div class=\"pt-cv-rmwrap\"><a href=\"https:\/\/www.dmsjuridica.com\/buscador_20179478954\/corteconstitucionalcronologico202454587\/t-789-00\/\" class=\"_self pt-cv-readmore btn btn-success\" target=\"_self\">Ver Sentencia Completa...<\/a><\/div><\/div><\/div><\/div>\n<div class=\"col-md-12 col-sm-12 col-xs-12 pt-cv-content-item pt-cv-1-col\" ><div class='pt-cv-ifield'><a href=\"https:\/\/www.dmsjuridica.com\/buscador_20179478954\/corteconstitucionalcronologico202454587\/t-788-00\/\" class=\"_self pt-cv-href-thumbnail pt-cv-thumb-default\" target=\"_self\" ><\/a>\n<div class=\"pt-cv-taxoterm above_title\"><a href='https:\/\/www.dmsjuridica.com\/buscador_20179478954\/corteconstitucionalcronologico202454587\/category\/buscar-en-toda-la-corte\/2000\/tutelas-2000\/' title='Tutelas 2000' class='pt-cv-tax-tutelas-2000'>Tutelas 2000<\/a><\/div>\n<h4 class=\"pt-cv-title\"><a href=\"https:\/\/www.dmsjuridica.com\/buscador_20179478954\/corteconstitucionalcronologico202454587\/t-788-00\/\" class=\"_self\" target=\"_self\" >T-788-00<\/a><\/h4>\n<div class=\"pt-cv-content\">\u00a0 \u00a0 Sentencia T-788\/00 \u00a0 ACCION DE TUTELA-Hecho superado \u00a0 ACCION DE TUTELA-Improcedencia declaraci\u00f3n de responsabilidad m\u00e9dica \u00a0 La declaraci\u00f3n de responsabilidad m\u00e9dica por la supuesta realizaci\u00f3n de un mal procedimiento constituye una petici\u00f3n que escapa a la competencia propia del juez constitucional, quien no tiene entre sus funciones hacer declaraciones que involucren juicios sobre la pr\u00e1ctica m\u00e9dica, pues, para el efecto, existen procesos espec\u00edficos que tienen por objeto establecer si, en casos como el planteado, se present\u00f3 alguna negligencia por parte de los m\u00e9dicos que intervinieron en el tratamiento prodigado al demandante, y de la entidad que prest\u00f3 los ...<br \/><div class=\"pt-cv-rmwrap\"><a href=\"https:\/\/www.dmsjuridica.com\/buscador_20179478954\/corteconstitucionalcronologico202454587\/t-788-00\/\" class=\"_self pt-cv-readmore btn btn-success\" target=\"_self\">Ver Sentencia Completa...<\/a><\/div><\/div><\/div><\/div>\n<div class=\"col-md-12 col-sm-12 col-xs-12 pt-cv-content-item pt-cv-1-col\" ><div class='pt-cv-ifield'><a href=\"https:\/\/www.dmsjuridica.com\/buscador_20179478954\/corteconstitucionalcronologico202454587\/t-787-00\/\" class=\"_self pt-cv-href-thumbnail pt-cv-thumb-default\" target=\"_self\" ><\/a>\n<div class=\"pt-cv-taxoterm above_title\"><a href='https:\/\/www.dmsjuridica.com\/buscador_20179478954\/corteconstitucionalcronologico202454587\/category\/buscar-en-toda-la-corte\/2000\/tutelas-2000\/' title='Tutelas 2000' class='pt-cv-tax-tutelas-2000'>Tutelas 2000<\/a><\/div>\n<h4 class=\"pt-cv-title\"><a href=\"https:\/\/www.dmsjuridica.com\/buscador_20179478954\/corteconstitucionalcronologico202454587\/t-787-00\/\" class=\"_self\" target=\"_self\" >T-787-00<\/a><\/h4>\n<div class=\"pt-cv-content\">\u00a0 \u00a0 Sentencia T-787\/00 \u00a0 PRESUNCION DE VERACIDAD-Demandado no rinde informe solicitado por el juez \u00a0 DERECHO AL MINIMO VITAL DEL PENSIONADO-Pago oportuno de mesadas \u00a0 DERECHO A LA SEGURIDAD SOCIAL DE PERSONA DE LA TERCERA EDAD-Protecci\u00f3n \u00a0 Referencia: expediente T-265222 \u00a0 Acci\u00f3n de tutela instaurada por Ra\u00fal Mel\u00e9ndez Pe\u00f1a contra \u00a0la Industria Licorera de Bol\u00edvar. \u00a0 Magistrado Ponente: \u00a0 Dr. JOS\u00c9 GREGORIO HERN\u00c1NDEZ GALINDO \u00a0 Santa Fe de Bogot\u00e1, D.C., veintisiete (27) de junio de dos mil (2000). \u00a0 La Sala Quinta de Revisi\u00f3n de la Corte Constitucional, en ejercicio de sus competencias constitucionales y legales, espec\u00edficamente las previstas ...<br \/><div class=\"pt-cv-rmwrap\"><a href=\"https:\/\/www.dmsjuridica.com\/buscador_20179478954\/corteconstitucionalcronologico202454587\/t-787-00\/\" class=\"_self pt-cv-readmore btn btn-success\" target=\"_self\">Ver Sentencia Completa...<\/a><\/div><\/div><\/div><\/div>\n<div class=\"col-md-12 col-sm-12 col-xs-12 pt-cv-content-item pt-cv-1-col\" ><div class='pt-cv-ifield'><a href=\"https:\/\/www.dmsjuridica.com\/buscador_20179478954\/corteconstitucionalcronologico202454587\/t-786-00\/\" class=\"_self pt-cv-href-thumbnail pt-cv-thumb-default\" target=\"_self\" ><\/a>\n<div class=\"pt-cv-taxoterm above_title\"><a href='https:\/\/www.dmsjuridica.com\/buscador_20179478954\/corteconstitucionalcronologico202454587\/category\/buscar-en-toda-la-corte\/2000\/tutelas-2000\/' title='Tutelas 2000' class='pt-cv-tax-tutelas-2000'>Tutelas 2000<\/a><\/div>\n<h4 class=\"pt-cv-title\"><a href=\"https:\/\/www.dmsjuridica.com\/buscador_20179478954\/corteconstitucionalcronologico202454587\/t-786-00\/\" class=\"_self\" target=\"_self\" >T-786-00<\/a><\/h4>\n<div class=\"pt-cv-content\">\u00a0 \u00a0 Sentencia T-786\/00 \u00a0 REVOCACION DE ACTO ADMINISTRATIVO-Alcance \u00a0 REVOCACION DIRECTA DE ACTO ADMINISTRATIVO PARTICULAR Y CONCRETO-Circunstancias para la procedencia\u00a0 \u00a0 DEBIDO PROCESO-Desconocimiento por retenci\u00f3n y anulaci\u00f3n ileg\u00edtima de tarjetas de operaci\u00f3n \u00a0 Se desconoci\u00f3 el derecho al debido proceso al haberse ordenado ileg\u00edtima e irregularmente la retenci\u00f3n y anulaci\u00f3n de las tarjetas de operaci\u00f3n, cuando lo procedente era acudir a la jurisdicci\u00f3n de lo contencioso administrativo para anular el acto proferido por la administraci\u00f3n y poder as\u00ed emitir, posteriormente, uno ajustado a derecho. \u00a0 ACCION DE TUTELA-Carencia actual de objeto \u00a0 PREVENCION EN TUTELA-Alcance \u00a0 Referencia: expediente T-300789 ...<br \/><div class=\"pt-cv-rmwrap\"><a href=\"https:\/\/www.dmsjuridica.com\/buscador_20179478954\/corteconstitucionalcronologico202454587\/t-786-00\/\" class=\"_self pt-cv-readmore btn btn-success\" target=\"_self\">Ver Sentencia Completa...<\/a><\/div><\/div><\/div><\/div>\n<div class=\"col-md-12 col-sm-12 col-xs-12 pt-cv-content-item pt-cv-1-col\" ><div class='pt-cv-ifield'><a href=\"https:\/\/www.dmsjuridica.com\/buscador_20179478954\/corteconstitucionalcronologico202454587\/t-784-00\/\" class=\"_self pt-cv-href-thumbnail pt-cv-thumb-default\" target=\"_self\" ><\/a>\n<div class=\"pt-cv-taxoterm above_title\"><a href='https:\/\/www.dmsjuridica.com\/buscador_20179478954\/corteconstitucionalcronologico202454587\/category\/buscar-en-toda-la-corte\/2000\/tutelas-2000\/' title='Tutelas 2000' class='pt-cv-tax-tutelas-2000'>Tutelas 2000<\/a><\/div>\n<h4 class=\"pt-cv-title\"><a href=\"https:\/\/www.dmsjuridica.com\/buscador_20179478954\/corteconstitucionalcronologico202454587\/t-784-00\/\" class=\"_self\" target=\"_self\" >T-784-00<\/a><\/h4>\n<div class=\"pt-cv-content\">\u00a0 \u00a0 Sentencia T-784\/00 \u00a0 ACCION DE TUTELA CONTRA PROVIDENCIAS JUDICIALES-Procedencia excepcional\/VIA DE HECHO-Naturaleza \u00a0 Desde sus comienzos, la Corte Constitucional ha restringido la procedencia de la acci\u00f3n de tutela contra providencias judiciales, aceptando su viabilidad, \u00fanicamente cuando \u00e9stas se apartan de tal manera de los preceptos jur\u00eddicos que las deben regir, que pueden considerarse \u201cv\u00edas de hecho\u201d judiciales. \u00a0Esta figura, originaria del derecho administrativo, ha tenido un desarrollo particular en la jurisprudencia constitucional. Dentro de tal contexto, la v\u00eda de hecho constituye un rompimiento del Derecho por parte de los jueces, que vac\u00eda de fundamento su potestad y, por ...<br \/><div class=\"pt-cv-rmwrap\"><a href=\"https:\/\/www.dmsjuridica.com\/buscador_20179478954\/corteconstitucionalcronologico202454587\/t-784-00\/\" class=\"_self pt-cv-readmore btn btn-success\" target=\"_self\">Ver Sentencia Completa...<\/a><\/div><\/div><\/div><\/div>\n<div class=\"col-md-12 col-sm-12 col-xs-12 pt-cv-content-item pt-cv-1-col\" ><div class='pt-cv-ifield'><a href=\"https:\/\/www.dmsjuridica.com\/buscador_20179478954\/corteconstitucionalcronologico202454587\/t-783-00\/\" class=\"_self pt-cv-href-thumbnail pt-cv-thumb-default\" target=\"_self\" ><\/a>\n<div class=\"pt-cv-taxoterm above_title\"><a href='https:\/\/www.dmsjuridica.com\/buscador_20179478954\/corteconstitucionalcronologico202454587\/category\/buscar-en-toda-la-corte\/2000\/tutelas-2000\/' title='Tutelas 2000' class='pt-cv-tax-tutelas-2000'>Tutelas 2000<\/a><\/div>\n<h4 class=\"pt-cv-title\"><a href=\"https:\/\/www.dmsjuridica.com\/buscador_20179478954\/corteconstitucionalcronologico202454587\/t-783-00\/\" class=\"_self\" target=\"_self\" >T-783-00<\/a><\/h4>\n<div class=\"pt-cv-content\">\u00a0 \u00a0 Sentencia T-783\/00 \u00a0 LICENCIA DE MATERNIDAD-Procedencia excepcional de tutela para el pago \u00a0 PRINCIPIO DE FAVORABILIDAD NORMATIVA EN MATERIA DE LICENCIA DE MATERNIDAD-Inaplicaci\u00f3n \u00a0 Referencia: expediente T-280396 \u00a0 Accionante: Irma Yolanda Guti\u00e9rrez Bejarano \u00a0 Accionado: Famisanar EPS. y el Gimnasio Villaluz.\u00a0 \u00a0 Magistrado Ponente: \u00a0 Dr. ALEJANDRO MARTINEZ CABALLERO \u00a0 Santa Fe de Bogot\u00e1, D.C., \u00a0veintid\u00f3s \u00a0(22) de junio de dos mil (2000).\u00a0 \u00a0 La Sala Sexta de Revisi\u00f3n de la Corte Constitucional, integrada por los Magistrados doctores Fabio Mor\u00f3n D\u00edaz, Vladimiro Naranjo Mesa y Alejandro Mart\u00ednez Caballero, quien la preside, en ejercicio de sus competencias constitucionales y ...<br \/><div class=\"pt-cv-rmwrap\"><a href=\"https:\/\/www.dmsjuridica.com\/buscador_20179478954\/corteconstitucionalcronologico202454587\/t-783-00\/\" class=\"_self pt-cv-readmore btn btn-success\" target=\"_self\">Ver Sentencia Completa...<\/a><\/div><\/div><\/div><\/div>\n<div class=\"col-md-12 col-sm-12 col-xs-12 pt-cv-content-item pt-cv-1-col\" ><div class='pt-cv-ifield'><a href=\"https:\/\/www.dmsjuridica.com\/buscador_20179478954\/corteconstitucionalcronologico202454587\/t-782-00\/\" class=\"_self pt-cv-href-thumbnail pt-cv-thumb-default\" target=\"_self\" ><\/a>\n<div class=\"pt-cv-taxoterm above_title\"><a href='https:\/\/www.dmsjuridica.com\/buscador_20179478954\/corteconstitucionalcronologico202454587\/category\/buscar-en-toda-la-corte\/2000\/tutelas-2000\/' title='Tutelas 2000' class='pt-cv-tax-tutelas-2000'>Tutelas 2000<\/a><\/div>\n<h4 class=\"pt-cv-title\"><a href=\"https:\/\/www.dmsjuridica.com\/buscador_20179478954\/corteconstitucionalcronologico202454587\/t-782-00\/\" class=\"_self\" target=\"_self\" >T-782-00<\/a><\/h4>\n<div class=\"pt-cv-content\">\u00a0 \u00a0 Sentencia T-782\/00 \u00a0 DERECHO DE PETICION-Alcance \u00a0 DERECHO DE PETICION-N\u00facleo esencial \u00a0 DERECHO DE PETICION ANTE PARTICULARES-Situaciones que se presentan \u00a0 DERECHO DE PETICION-T\u00e9rmino para resolver \u00a0 SEGURO SOCIAL-EPS no puede prestar atenci\u00f3n m\u00e9dica a quien no es cotizante ni beneficiario \u00a0 Referencia: expediente T-296977 \u00a0 Accionante: Mar\u00eda Delcyda V\u00e1squez de Zuleta, a nombre de sus menores hijos. \u00a0 Accionado: Seguro Social Seccional Valle del Cauca. \u00a0 Magistrado Ponente: \u00a0 Dr. ALEJANDRO MARTINEZ CABALLERO \u00a0 Santa Fe de Bogot\u00e1, D.C., \u00a0veintid\u00f3s (22) de junio de dos mil (2000).\u00a0 \u00a0 La Sala Sexta de Revisi\u00f3n de la Corte Constitucional, ...<br \/><div class=\"pt-cv-rmwrap\"><a href=\"https:\/\/www.dmsjuridica.com\/buscador_20179478954\/corteconstitucionalcronologico202454587\/t-782-00\/\" class=\"_self pt-cv-readmore btn btn-success\" target=\"_self\">Ver Sentencia Completa...<\/a><\/div><\/div><\/div><\/div>\n<div class=\"col-md-12 col-sm-12 col-xs-12 pt-cv-content-item pt-cv-1-col\" ><div class='pt-cv-ifield'><a href=\"https:\/\/www.dmsjuridica.com\/buscador_20179478954\/corteconstitucionalcronologico202454587\/t-781-00\/\" class=\"_self pt-cv-href-thumbnail pt-cv-thumb-default\" target=\"_self\" ><\/a>\n<div class=\"pt-cv-taxoterm above_title\"><a href='https:\/\/www.dmsjuridica.com\/buscador_20179478954\/corteconstitucionalcronologico202454587\/category\/buscar-en-toda-la-corte\/2000\/tutelas-2000\/' title='Tutelas 2000' class='pt-cv-tax-tutelas-2000'>Tutelas 2000<\/a><\/div>\n<h4 class=\"pt-cv-title\"><a href=\"https:\/\/www.dmsjuridica.com\/buscador_20179478954\/corteconstitucionalcronologico202454587\/t-781-00\/\" class=\"_self\" target=\"_self\" >T-781-00<\/a><\/h4>\n<div class=\"pt-cv-content\">\u00a0 \u00a0 Sentencia T-781\/00 \u00a0 DERECHO A LA SEGURIDAD SOCIAL-Fundamental por conexidad\/DERECHO A LA SALUD-Fundamental por conexidad con la vida \u00a0 SEGURO SOCIAL-Prohibici\u00f3n de realizar nuevas afiliaciones a su EPS\/SEGURO SOCIAL-Afiliaci\u00f3n a distinta EPS \u00a0 Referencia: expediente T-289.531 \u00a0 Peticionario: Lastenia S\u00e1nchez de Luna \u00a0 Procedencia: \u00a0 *Tribunal Superior de Cali, Sala Laboral \u00a0 Magistrado Ponente: \u00a0 Dr. VLADIMIRO NARANJO MESA \u00a0 Santaf\u00e9 de Bogot\u00e1, D.C., \u00a0veintid\u00f3s (22) de junio de dos mil (2000). \u00a0 La Sala Octava de Revisi\u00f3n de la Corte Constitucional, conformada por los magistrados Vladimiro Naranjo Mesa -Presidente de la Sala-, Alvaro Tafur Galvis y Antonio ...<br \/><div class=\"pt-cv-rmwrap\"><a href=\"https:\/\/www.dmsjuridica.com\/buscador_20179478954\/corteconstitucionalcronologico202454587\/t-781-00\/\" class=\"_self pt-cv-readmore btn btn-success\" target=\"_self\">Ver Sentencia Completa...<\/a><\/div><\/div><\/div><\/div>\n<div class=\"col-md-12 col-sm-12 col-xs-12 pt-cv-content-item pt-cv-1-col\" ><div class='pt-cv-ifield'><a href=\"https:\/\/www.dmsjuridica.com\/buscador_20179478954\/corteconstitucionalcronologico202454587\/t-780-00\/\" class=\"_self pt-cv-href-thumbnail pt-cv-thumb-default\" target=\"_self\" ><\/a>\n<div class=\"pt-cv-taxoterm above_title\"><a href='https:\/\/www.dmsjuridica.com\/buscador_20179478954\/corteconstitucionalcronologico202454587\/category\/buscar-en-toda-la-corte\/2000\/tutelas-2000\/' title='Tutelas 2000' class='pt-cv-tax-tutelas-2000'>Tutelas 2000<\/a><\/div>\n<h4 class=\"pt-cv-title\"><a href=\"https:\/\/www.dmsjuridica.com\/buscador_20179478954\/corteconstitucionalcronologico202454587\/t-780-00\/\" class=\"_self\" target=\"_self\" >T-780-00<\/a><\/h4>\n<div class=\"pt-cv-content\">\u00a0 \u00a0 Sentencia T-780\/00 \u00a0 ACCION DE TUTELA-Procedencia excepcional pago de acreencias laborales\/ACCION DE TUTELA-Improcedencia por falta de pruebas \u00a0 Referencia: expedientes T-299075 \u00a0 \u00a0 \u00a0 Acci\u00f3n de tutela instaurada por Willian Mu\u00f1oz Ospina contra la Asociaci\u00f3n de Municipios del Sur del Tolima, \u00a0Amusurt. \u00a0 Procedencia: Juzgado 1\u00b0 Civil del Circuito de Chaparral \u00a0 Magistrado Ponente: \u00a0 Dr. ALEJANDRO MARTINEZ CABALLERO \u00a0 Santa Fe de Bogot\u00e1, D.C., veintid\u00f3s (22) de junio del dos mil (2.000). \u00a0 La Sala Sexta de Revisi\u00f3n de la Corte Constitucional, integrada por los Magistrados doctores Alejandro Mart\u00ednez Caballero, Fabio Mor\u00f3n D\u00edaz y Vladimiro Naranjo Mesa, ...<br \/><div class=\"pt-cv-rmwrap\"><a href=\"https:\/\/www.dmsjuridica.com\/buscador_20179478954\/corteconstitucionalcronologico202454587\/t-780-00\/\" class=\"_self pt-cv-readmore btn btn-success\" target=\"_self\">Ver Sentencia Completa...<\/a><\/div><\/div><\/div><\/div>\n<div class=\"col-md-12 col-sm-12 col-xs-12 pt-cv-content-item pt-cv-1-col\" ><div class='pt-cv-ifield'><a href=\"https:\/\/www.dmsjuridica.com\/buscador_20179478954\/corteconstitucionalcronologico202454587\/t-779-00\/\" class=\"_self pt-cv-href-thumbnail pt-cv-thumb-default\" target=\"_self\" ><\/a>\n<div class=\"pt-cv-taxoterm above_title\"><a href='https:\/\/www.dmsjuridica.com\/buscador_20179478954\/corteconstitucionalcronologico202454587\/category\/buscar-en-toda-la-corte\/2000\/tutelas-2000\/' title='Tutelas 2000' class='pt-cv-tax-tutelas-2000'>Tutelas 2000<\/a><\/div>\n<h4 class=\"pt-cv-title\"><a href=\"https:\/\/www.dmsjuridica.com\/buscador_20179478954\/corteconstitucionalcronologico202454587\/t-779-00\/\" class=\"_self\" target=\"_self\" >T-779-00<\/a><\/h4>\n<div class=\"pt-cv-content\">\u00a0 \u00a0 Sentencia T-779\/00 \u00a0 DERECHO DE PETICION-Alcance \u00a0 DERECHO DE PETICION-N\u00facleo esencial\/DERECHO DE PETICION-Pronta resoluci\u00f3n y decisi\u00f3n de fondo \u00a0 DERECHO DE PETICION-No admisi\u00f3n de respuestas evasivas \u00a0 DERECHO DE PETICION-T\u00e9rmino para resolver \u00a0 Referencia: expediente T-297040 \u00a0 Accionante: Hugo Rodrigo Bustillo Mogoll\u00f3n.\u00a0 \u00a0 Accionado: Departamento de Sucre \u00a0 Magistrado Ponente: \u00a0 Dr. ALEJANDRO MARTINEZ CABALLERO \u00a0 Santa Fe de Bogot\u00e1, D.C., \u00a0veintid\u00f3s (22) de junio de dos mil (2000).\u00a0 \u00a0 La Sala Sexta de Revisi\u00f3n de la Corte Constitucional, integrada por los Magistrados doctores Fabio Mor\u00f3n D\u00edaz, Vladimiro Naranjo Mesa y Alejandro Mart\u00ednez Caballero, quien la preside, en ...<br \/><div class=\"pt-cv-rmwrap\"><a href=\"https:\/\/www.dmsjuridica.com\/buscador_20179478954\/corteconstitucionalcronologico202454587\/t-779-00\/\" class=\"_self pt-cv-readmore btn btn-success\" target=\"_self\">Ver Sentencia Completa...<\/a><\/div><\/div><\/div><\/div>\n<div class=\"col-md-12 col-sm-12 col-xs-12 pt-cv-content-item pt-cv-1-col\" ><div class='pt-cv-ifield'><a href=\"https:\/\/www.dmsjuridica.com\/buscador_20179478954\/corteconstitucionalcronologico202454587\/t-778-00\/\" class=\"_self pt-cv-href-thumbnail pt-cv-thumb-default\" target=\"_self\" ><\/a>\n<div class=\"pt-cv-taxoterm above_title\"><a href='https:\/\/www.dmsjuridica.com\/buscador_20179478954\/corteconstitucionalcronologico202454587\/category\/buscar-en-toda-la-corte\/2000\/tutelas-2000\/' title='Tutelas 2000' class='pt-cv-tax-tutelas-2000'>Tutelas 2000<\/a><\/div>\n<h4 class=\"pt-cv-title\"><a href=\"https:\/\/www.dmsjuridica.com\/buscador_20179478954\/corteconstitucionalcronologico202454587\/t-778-00\/\" class=\"_self\" target=\"_self\" >T-778-00<\/a><\/h4>\n<div class=\"pt-cv-content\">\u00a0 \u00a0 Sentencia T-778\/00 \u00a0 DERECHO A LA ESTABILIDAD LABORAL REFORZADA DE MUJER EMBARAZADA-Protecci\u00f3n \u00a0 ACCION DE TUTELA TRANSITORIA-Casos excepcionales de reintegro por despido de mujer embarazada \u00a0 ACCION DE TUTELA TRANSITORIA DEL DERECHO A LA ESTABILIDAD LABORAL REFORZADA DE MUJER EMBARAZADA-Elementos f\u00e1cticos que deben demostrarse \u00a0 MUJER TRABAJADORA EMBARAZADA-Necesidad de comunicaci\u00f3n oportuna y causalidad entre despido y estado de gravidez \u00a0 Referencia: expediente T- 296.934 \u00a0 Magistrado Ponente:\u00a0 \u00a0 Dr. ALEJANDRO MART\u00cdNEZ CABALLERO \u00a0 Santa Fe de Bogot\u00e1, veintid\u00f3s (22) de junio de dos mil (2000) \u00a0 La Sala Sexta de Revisi\u00f3n de la Corte Constitucional, en ejercicio de ...<br \/><div class=\"pt-cv-rmwrap\"><a href=\"https:\/\/www.dmsjuridica.com\/buscador_20179478954\/corteconstitucionalcronologico202454587\/t-778-00\/\" class=\"_self pt-cv-readmore btn btn-success\" target=\"_self\">Ver Sentencia Completa...<\/a><\/div><\/div><\/div><\/div>\n<div class=\"col-md-12 col-sm-12 col-xs-12 pt-cv-content-item pt-cv-1-col\" ><div class='pt-cv-ifield'><a href=\"https:\/\/www.dmsjuridica.com\/buscador_20179478954\/corteconstitucionalcronologico202454587\/t-777-00\/\" class=\"_self pt-cv-href-thumbnail pt-cv-thumb-default\" target=\"_self\" ><\/a>\n<div class=\"pt-cv-taxoterm above_title\"><a href='https:\/\/www.dmsjuridica.com\/buscador_20179478954\/corteconstitucionalcronologico202454587\/category\/buscar-en-toda-la-corte\/2000\/tutelas-2000\/' title='Tutelas 2000' class='pt-cv-tax-tutelas-2000'>Tutelas 2000<\/a><\/div>\n<h4 class=\"pt-cv-title\"><a href=\"https:\/\/www.dmsjuridica.com\/buscador_20179478954\/corteconstitucionalcronologico202454587\/t-777-00\/\" class=\"_self\" target=\"_self\" >T-777-00<\/a><\/h4>\n<div class=\"pt-cv-content\">\u00a0 \u00a0 Sentencia T-777\/00\u00a0 \u00a0 DERECHO DE PETICION-Alcance \u00a0 DERECHO DE PETICION-N\u00facleo esencial \u00a0 DERECHO DE PETICION ANTE PARTICULARES-Situaciones que se presentan \u00a0 DERECHO DE PETICION-T\u00e9rmino para resolver \u00a0 Referencia: expediente T-294865 \u00a0 Accionante: Nidia In\u00e9s Ram\u00edrez.\u00a0 \u00a0 Accionado: Instituto de Seguros Sociales.\u00a0 \u00a0 Magistrado Ponente: \u00a0 Dr. ALEJANDRO MARTINEZ CABALLERO \u00a0 Santa Fe de Bogot\u00e1, D.C., veintid\u00f3s (22) de junio de dos mil (2000).\u00a0 \u00a0 La Sala Sexta de Revisi\u00f3n de la Corte Constitucional, integrada por los Magistrados doctores Fabio Mor\u00f3n D\u00edaz, Vladimiro Naranjo Mesa y Alejandro Mart\u00ednez Caballero, quien la preside, en ejercicio de sus competencias constitucionales y ...<br \/><div class=\"pt-cv-rmwrap\"><a href=\"https:\/\/www.dmsjuridica.com\/buscador_20179478954\/corteconstitucionalcronologico202454587\/t-777-00\/\" class=\"_self pt-cv-readmore btn btn-success\" target=\"_self\">Ver Sentencia Completa...<\/a><\/div><\/div><\/div><\/div>\n<div class=\"col-md-12 col-sm-12 col-xs-12 pt-cv-content-item pt-cv-1-col\" ><div class='pt-cv-ifield'><a href=\"https:\/\/www.dmsjuridica.com\/buscador_20179478954\/corteconstitucionalcronologico202454587\/t-776-00\/\" class=\"_self pt-cv-href-thumbnail pt-cv-thumb-default\" target=\"_self\" ><\/a>\n<div class=\"pt-cv-taxoterm above_title\"><a href='https:\/\/www.dmsjuridica.com\/buscador_20179478954\/corteconstitucionalcronologico202454587\/category\/buscar-en-toda-la-corte\/2000\/tutelas-2000\/' title='Tutelas 2000' class='pt-cv-tax-tutelas-2000'>Tutelas 2000<\/a><\/div>\n<h4 class=\"pt-cv-title\"><a href=\"https:\/\/www.dmsjuridica.com\/buscador_20179478954\/corteconstitucionalcronologico202454587\/t-776-00\/\" class=\"_self\" target=\"_self\" >T-776-00<\/a><\/h4>\n<div class=\"pt-cv-content\">\u00a0 \u00a0 Sentencia T-776\/00 \u00a0 LICENCIA DE MATERNIDAD-Procedencia excepcional de tutela para el pago \u00a0 PRINCIPIO DE FAVORABILIDAD NORMATIVA EN MATERIA DE LICENCIA DE MATERNIDAD-Pago \u00a0 JURISDICCION LABORAL-Pago de licencia de maternidad por no comprobarse afectaci\u00f3n del m\u00ednimo vital \u00a0 Referencia: expediente T-289875 \u00a0 Accionante: Sandra Milena Manosalbas Zuluaga.\u00a0 \u00a0 Accionado: Compensar E.P.S. \u00a0 Magistrado Ponente: \u00a0 Dr. ALEJANDRO MARTINEZ CABALLERO \u00a0 Santa Fe de Bogot\u00e1, D.C., \u00a0veintid\u00f3s (22) de junio de dos mil (2000).\u00a0 \u00a0 La Sala Sexta de Revisi\u00f3n de la Corte Constitucional, integrada por los Magistrados doctores Fabio Mor\u00f3n D\u00edaz, Vladimiro Naranjo Mesa y Alejandro Mart\u00ednez Caballero, ...<br \/><div class=\"pt-cv-rmwrap\"><a href=\"https:\/\/www.dmsjuridica.com\/buscador_20179478954\/corteconstitucionalcronologico202454587\/t-776-00\/\" class=\"_self pt-cv-readmore btn btn-success\" target=\"_self\">Ver Sentencia Completa...<\/a><\/div><\/div><\/div><\/div>\n<div class=\"col-md-12 col-sm-12 col-xs-12 pt-cv-content-item pt-cv-1-col\" ><div class='pt-cv-ifield'><a href=\"https:\/\/www.dmsjuridica.com\/buscador_20179478954\/corteconstitucionalcronologico202454587\/t-775-00\/\" class=\"_self pt-cv-href-thumbnail pt-cv-thumb-default\" target=\"_self\" ><\/a>\n<div class=\"pt-cv-taxoterm above_title\"><a href='https:\/\/www.dmsjuridica.com\/buscador_20179478954\/corteconstitucionalcronologico202454587\/category\/buscar-en-toda-la-corte\/2000\/tutelas-2000\/' title='Tutelas 2000' class='pt-cv-tax-tutelas-2000'>Tutelas 2000<\/a><\/div>\n<h4 class=\"pt-cv-title\"><a href=\"https:\/\/www.dmsjuridica.com\/buscador_20179478954\/corteconstitucionalcronologico202454587\/t-775-00\/\" class=\"_self\" target=\"_self\" >T-775-00<\/a><\/h4>\n<div class=\"pt-cv-content\">\u00a0 \u00a0 Sentencia T-775\/00 \u00a0 DERECHO A LA PENSION DE INVALIDEZ-Fundamental por conexidad \u00a0 BONOS PENSIONALES-Demora en la emisi\u00f3n afecta derechos fundamentales \u00a0 BONOS PENSIONALES-Emisi\u00f3n y expedici\u00f3n \u00a0 VIA DE HECHO-Se niega pensi\u00f3n por demora en emisi\u00f3n del bono pensional \u00a0 Referencia: expediente T-290.281 \u00a0 Magistrado Ponente:\u00a0 \u00a0 Dr. ALEJANDRO MART\u00cdNEZ CABALLERO \u00a0 Santa Fe de Bogot\u00e1, veintid\u00f3s (22) de junio de dos mil (2000) \u00a0 La Sala Sexta de Revisi\u00f3n de la Corte Constitucional, en ejercicio de sus competencias constitucionales y legales, ha proferido Sentencia en la acci\u00f3n de tutela interpuesta por Juan de Jes\u00fas Mart\u00ednez Garc\u00eda contra el ...<br \/><div class=\"pt-cv-rmwrap\"><a href=\"https:\/\/www.dmsjuridica.com\/buscador_20179478954\/corteconstitucionalcronologico202454587\/t-775-00\/\" class=\"_self pt-cv-readmore btn btn-success\" target=\"_self\">Ver Sentencia Completa...<\/a><\/div><\/div><\/div><\/div>\n<div class=\"col-md-12 col-sm-12 col-xs-12 pt-cv-content-item pt-cv-1-col\" ><div class='pt-cv-ifield'><a href=\"https:\/\/www.dmsjuridica.com\/buscador_20179478954\/corteconstitucionalcronologico202454587\/t-774-00\/\" class=\"_self pt-cv-href-thumbnail pt-cv-thumb-default\" target=\"_self\" ><\/a>\n<div class=\"pt-cv-taxoterm above_title\"><a href='https:\/\/www.dmsjuridica.com\/buscador_20179478954\/corteconstitucionalcronologico202454587\/category\/buscar-en-toda-la-corte\/2000\/tutelas-2000\/' title='Tutelas 2000' class='pt-cv-tax-tutelas-2000'>Tutelas 2000<\/a><\/div>\n<h4 class=\"pt-cv-title\"><a href=\"https:\/\/www.dmsjuridica.com\/buscador_20179478954\/corteconstitucionalcronologico202454587\/t-774-00\/\" class=\"_self\" target=\"_self\" >T-774-00<\/a><\/h4>\n<div class=\"pt-cv-content\">\u00a0 \u00a0 Sentencia T-774\/00 \u00a0 LICENCIA DE MATERNIDAD-Procedencia excepcional de tutela para el pago \u00a0 PRINCIPIO DE FAVORABILIDAD NORMATIVA EN MATERIA DE LICENCIA DE MATERNIDAD-Pago \u00a0 JURISDICCION LABORAL-Pago de licencia de maternidad cuando no se prob\u00f3 la afectaci\u00f3n del m\u00ednimo vital \u00a0 Referencia: expediente T-293527 \u00a0 Accionante: Angel Custodio Castellanos \u00a0 Accionado: Seguro Social de Santander \u00a0 Magistrado Ponente: \u00a0 Dr. ALEJANDRO MARTINEZ CABALLERO \u00a0 Santa Fe de Bogot\u00e1, D.C., \u00a0veintid\u00f3s \u00a0(22) de junio de dos mil (2000).\u00a0 \u00a0 La Sala Sexta de Revisi\u00f3n de la Corte Constitucional, integrada por los Magistrados doctores Fabio Mor\u00f3n D\u00edaz, Vladimiro Naranjo Mesa y ...<br \/><div class=\"pt-cv-rmwrap\"><a href=\"https:\/\/www.dmsjuridica.com\/buscador_20179478954\/corteconstitucionalcronologico202454587\/t-774-00\/\" class=\"_self pt-cv-readmore btn btn-success\" target=\"_self\">Ver Sentencia Completa...<\/a><\/div><\/div><\/div><\/div>\n<div class=\"col-md-12 col-sm-12 col-xs-12 pt-cv-content-item pt-cv-1-col\" ><div class='pt-cv-ifield'><a href=\"https:\/\/www.dmsjuridica.com\/buscador_20179478954\/corteconstitucionalcronologico202454587\/t-773-00\/\" class=\"_self pt-cv-href-thumbnail pt-cv-thumb-default\" target=\"_self\" ><\/a>\n<div class=\"pt-cv-taxoterm above_title\"><a href='https:\/\/www.dmsjuridica.com\/buscador_20179478954\/corteconstitucionalcronologico202454587\/category\/buscar-en-toda-la-corte\/2000\/tutelas-2000\/' title='Tutelas 2000' class='pt-cv-tax-tutelas-2000'>Tutelas 2000<\/a><\/div>\n<h4 class=\"pt-cv-title\"><a href=\"https:\/\/www.dmsjuridica.com\/buscador_20179478954\/corteconstitucionalcronologico202454587\/t-773-00\/\" class=\"_self\" target=\"_self\" >T-773-00<\/a><\/h4>\n<div class=\"pt-cv-content\">\u00a0 \u00a0 Sentencia T-773\/00 \u00a0 DERECHO DE PETICION-Solicitud de reconocimiento de pensi\u00f3n \u00a0 BONOS PENSIONALES-Demora en la emisi\u00f3n afecta derechos fundamentales \u00a0 BONOS PENSIONALES-Emisi\u00f3n y expedici\u00f3n \u00a0 VIA DE HECHO-Se niega pensi\u00f3n por demora en emisi\u00f3n del bono pensional \u00a0 Referencia: expediente T- 292.712 \u00a0 Magistrado Ponente:\u00a0 \u00a0 Dr. ALEJANDRO MART\u00cdNEZ CABALLERO \u00a0 Santa Fe de Bogot\u00e1, veintid\u00f3s (22) de junio de dos mil (2000) \u00a0 La Sala Sexta de Revisi\u00f3n de la Corte Constitucional, en ejercicio de sus competencias constitucionales y legales, ha proferido Sentencia en la acci\u00f3n de tutela interpuesta por Alba Carrasquilla de Figueroa contra el Seguro ...<br \/><div class=\"pt-cv-rmwrap\"><a href=\"https:\/\/www.dmsjuridica.com\/buscador_20179478954\/corteconstitucionalcronologico202454587\/t-773-00\/\" class=\"_self pt-cv-readmore btn btn-success\" target=\"_self\">Ver Sentencia Completa...<\/a><\/div><\/div><\/div><\/div>\n<div class=\"col-md-12 col-sm-12 col-xs-12 pt-cv-content-item pt-cv-1-col\" ><div class='pt-cv-ifield'><a href=\"https:\/\/www.dmsjuridica.com\/buscador_20179478954\/corteconstitucionalcronologico202454587\/t-772-00\/\" class=\"_self pt-cv-href-thumbnail pt-cv-thumb-default\" target=\"_self\" ><\/a>\n<div class=\"pt-cv-taxoterm above_title\"><a href='https:\/\/www.dmsjuridica.com\/buscador_20179478954\/corteconstitucionalcronologico202454587\/category\/buscar-en-toda-la-corte\/2000\/tutelas-2000\/' title='Tutelas 2000' class='pt-cv-tax-tutelas-2000'>Tutelas 2000<\/a><\/div>\n<h4 class=\"pt-cv-title\"><a href=\"https:\/\/www.dmsjuridica.com\/buscador_20179478954\/corteconstitucionalcronologico202454587\/t-772-00\/\" class=\"_self\" target=\"_self\" >T-772-00<\/a><\/h4>\n<div class=\"pt-cv-content\">\u00a0 \u00a0 Sentencia T-772\/00 \u00a0 DERECHO A LA EDUCACION-Alcance \u00a0 EDUCACION-Obligaci\u00f3n de la sociedad \u00a0 REGLAMENTO EDUCATIVO-No puede desconocer principios que emanan de la Constituci\u00f3n \u00a0 MANUAL DE CONVIVENCIA-L\u00edmites \u00a0 ESTUDIANTE EMBARAZADA-No proclamaci\u00f3n p\u00fablica como bachiller \u00a0 DEBIDO PROCESO-Procedimiento adecuado en instituci\u00f3n educativa \u00a0 DERECHO A LA IGUALDAD-No vulneraci\u00f3n por ausencia de fundamentos discriminatorios a alumna \u00a0 Referencia: expediente T-292576 \u00a0 Accionante: Luz Marina Tamayo Misas.\u00a0 \u00a0 Accionado: Colegio Directivo de Nuestra Se\u00f1ora de los Angeles \u00a0 Magistrado Ponente: \u00a0 Dr. ALEJANDRO MARTINEZ CABALLERO \u00a0 Santa Fe de Bogot\u00e1, D.C., \u00a0veintid\u00f3s \u00a0(22) de junio de dos mil (2000).\u00a0 \u00a0 La ...<br \/><div class=\"pt-cv-rmwrap\"><a href=\"https:\/\/www.dmsjuridica.com\/buscador_20179478954\/corteconstitucionalcronologico202454587\/t-772-00\/\" class=\"_self pt-cv-readmore btn btn-success\" target=\"_self\">Ver Sentencia Completa...<\/a><\/div><\/div><\/div><\/div>\n<div class=\"col-md-12 col-sm-12 col-xs-12 pt-cv-content-item pt-cv-1-col\" ><div class='pt-cv-ifield'><a href=\"https:\/\/www.dmsjuridica.com\/buscador_20179478954\/corteconstitucionalcronologico202454587\/t-771-00\/\" class=\"_self pt-cv-href-thumbnail pt-cv-thumb-default\" target=\"_self\" ><\/a>\n<div class=\"pt-cv-taxoterm above_title\"><a href='https:\/\/www.dmsjuridica.com\/buscador_20179478954\/corteconstitucionalcronologico202454587\/category\/buscar-en-toda-la-corte\/2000\/tutelas-2000\/' title='Tutelas 2000' class='pt-cv-tax-tutelas-2000'>Tutelas 2000<\/a><\/div>\n<h4 class=\"pt-cv-title\"><a href=\"https:\/\/www.dmsjuridica.com\/buscador_20179478954\/corteconstitucionalcronologico202454587\/t-771-00\/\" class=\"_self\" target=\"_self\" >T-771-00<\/a><\/h4>\n<div class=\"pt-cv-content\">\u00a0 \u00a0 Sentencia T-771\/00 \u00a0 ACCION DE NULIDAD Y RESTABLECIMIENTO DEL DERECHO-Reintegro de mujer embarazada\/ACCION DE TUTELA TRANSITORIA-Casos excepcionales de reintegro por despido de mujer embarazada\/MUJER TRABAJADORA EMBARAZADA-Protecci\u00f3n por tutela siempre que exista prueba suficiente \u00a0 Referencia: expediente T-296.199 \u00a0 Peticionaria: Irley Eugenia Chamorro Ibarra \u00a0 Magistrado Ponente:\u00a0 \u00a0 Dr. ALEJANDRO MART\u00cdNEZ CABALLERO \u00a0 Santa Fe de Bogot\u00e1, veintid\u00f3s (22) de junio de dos mil (2000) \u00a0 La Sala Sexta de Revisi\u00f3n de la Corte Constitucional, en ejercicio de sus competencias constitucionales y legales, ha proferido Sentencia en la acci\u00f3n de tutela interpuesta por Irley Eugenia Chamorro Ibarra contra la ...<br \/><div class=\"pt-cv-rmwrap\"><a href=\"https:\/\/www.dmsjuridica.com\/buscador_20179478954\/corteconstitucionalcronologico202454587\/t-771-00\/\" class=\"_self pt-cv-readmore btn btn-success\" target=\"_self\">Ver Sentencia Completa...<\/a><\/div><\/div><\/div><\/div>\n<div class=\"col-md-12 col-sm-12 col-xs-12 pt-cv-content-item pt-cv-1-col\" ><div class='pt-cv-ifield'><a href=\"https:\/\/www.dmsjuridica.com\/buscador_20179478954\/corteconstitucionalcronologico202454587\/t-770-00\/\" class=\"_self pt-cv-href-thumbnail pt-cv-thumb-default\" target=\"_self\" ><\/a>\n<div class=\"pt-cv-taxoterm above_title\"><a href='https:\/\/www.dmsjuridica.com\/buscador_20179478954\/corteconstitucionalcronologico202454587\/category\/buscar-en-toda-la-corte\/2000\/tutelas-2000\/' title='Tutelas 2000' class='pt-cv-tax-tutelas-2000'>Tutelas 2000<\/a><\/div>\n<h4 class=\"pt-cv-title\"><a href=\"https:\/\/www.dmsjuridica.com\/buscador_20179478954\/corteconstitucionalcronologico202454587\/t-770-00\/\" class=\"_self\" target=\"_self\" >T-770-00<\/a><\/h4>\n<div class=\"pt-cv-content\">\u00a0 \u00a0 Sentencia T-770\/00 \u00a0 DERECHO DE PETICION-Alcance\/DERECHO DE PETICION-N\u00facleo esencial \u00a0 VIA DE HECHO-No reconocimiento de pensi\u00f3n \u00a0 ACTO PROPIO-Respeto\/ACTO PROPIO-Condiciones para inaplicaci\u00f3n \u00a0 PENSION DE VEJEZ-Reg\u00edmenes de transici\u00f3n y especiales \u00a0 Referencia: expedientes T- T-293539, T-294685, T-296963, T-299939, T-300078, T- 300489, T-301035, T-301036, T-301598, T-301645 y T-301811. \u00a0 \u00a0 \u00a0 Acciones de tutelas instauradas por Hern\u00e1n Vergara Garc\u00eda, Rita Rios Pisa, Maria del Rosario Montes, Miguel Antonio Gonz\u00e1lez, Luis Enrique Portillo, Anastacio Avila, Gustavo L\u00f3pez y Elizabeth Mu\u00f1oz, Martha Garrido vda. de Tovar y Victorino Hern\u00e1ndez Cepeda, Jorge Enrique Valles, Hernando Laverde T\u00e9llez y Maria Celina Cardona. \u00a0 ...<br \/><div class=\"pt-cv-rmwrap\"><a href=\"https:\/\/www.dmsjuridica.com\/buscador_20179478954\/corteconstitucionalcronologico202454587\/t-770-00\/\" class=\"_self pt-cv-readmore btn btn-success\" target=\"_self\">Ver Sentencia Completa...<\/a><\/div><\/div><\/div><\/div>\n<div class=\"col-md-12 col-sm-12 col-xs-12 pt-cv-content-item pt-cv-1-col\" ><div class='pt-cv-ifield'><a href=\"https:\/\/www.dmsjuridica.com\/buscador_20179478954\/corteconstitucionalcronologico202454587\/t-769-00\/\" class=\"_self pt-cv-href-thumbnail pt-cv-thumb-default\" target=\"_self\" ><\/a>\n<div class=\"pt-cv-taxoterm above_title\"><a href='https:\/\/www.dmsjuridica.com\/buscador_20179478954\/corteconstitucionalcronologico202454587\/category\/buscar-en-toda-la-corte\/2000\/tutelas-2000\/' title='Tutelas 2000' class='pt-cv-tax-tutelas-2000'>Tutelas 2000<\/a><\/div>\n<h4 class=\"pt-cv-title\"><a href=\"https:\/\/www.dmsjuridica.com\/buscador_20179478954\/corteconstitucionalcronologico202454587\/t-769-00\/\" class=\"_self\" target=\"_self\" >T-769-00<\/a><\/h4>\n<div class=\"pt-cv-content\">\u00a0 \u00a0 Sentencia T-769\/00 \u00a0 DERECHO A LA SALUD-Fundamental por conexidad con la vida\/ACCION DE TUTELA-Improcedencia por no demostraci\u00f3n de afectaci\u00f3n de derechos \u00a0 Referencia: expedientes T- 295871 \u00a0 \u00a0 \u00a0 Acci\u00f3n de tutela instaurada por Wildyron S\u00e1nchez Zapata contra el Instituto de Seguro Social. \u00a0 Procedencia: Juzgado 8\u00b0 Laboral del Circuito de Medell\u00edn \u00a0 Magistrado Ponente: \u00a0 Dr. ALEJANDRO MARTINEZ CABALLERO \u00a0 Santa Fe de Bogot\u00e1, D.C., veintid\u00f3s (22) de junio del dos mil (2000). \u00a0 La Sala Sexta de Revisi\u00f3n de la Corte Constitucional, integrada por los Magistrados doctores Alejandro Mart\u00ednez Caballero, Fabio Mor\u00f3n D\u00edaz y Vladimiro Naranjo ...<br \/><div class=\"pt-cv-rmwrap\"><a href=\"https:\/\/www.dmsjuridica.com\/buscador_20179478954\/corteconstitucionalcronologico202454587\/t-769-00\/\" class=\"_self pt-cv-readmore btn btn-success\" target=\"_self\">Ver Sentencia Completa...<\/a><\/div><\/div><\/div><\/div>\n<div class=\"col-md-12 col-sm-12 col-xs-12 pt-cv-content-item pt-cv-1-col\" ><div class='pt-cv-ifield'><a href=\"https:\/\/www.dmsjuridica.com\/buscador_20179478954\/corteconstitucionalcronologico202454587\/t-768-00\/\" class=\"_self pt-cv-href-thumbnail pt-cv-thumb-default\" target=\"_self\" ><\/a>\n<div class=\"pt-cv-taxoterm above_title\"><a href='https:\/\/www.dmsjuridica.com\/buscador_20179478954\/corteconstitucionalcronologico202454587\/category\/buscar-en-toda-la-corte\/2000\/tutelas-2000\/' title='Tutelas 2000' class='pt-cv-tax-tutelas-2000'>Tutelas 2000<\/a><\/div>\n<h4 class=\"pt-cv-title\"><a href=\"https:\/\/www.dmsjuridica.com\/buscador_20179478954\/corteconstitucionalcronologico202454587\/t-768-00\/\" class=\"_self\" target=\"_self\" >T-768-00<\/a><\/h4>\n<div class=\"pt-cv-content\">\u00a0 \u00a0 Sentencia T-768\/00 \u00a0 DERECHO AL TRABAJO DE MUJER EMBARAZADA-Motivaci\u00f3n del acto administrativo de desvinculaci\u00f3n \u00a0 MATERNIDAD-Protecci\u00f3n \u00a0 CARGO DE CARRERA ADMINISTRATIVA DESEMPE\u00d1ADO POR EMPLEADA EMBARAZADA-Protecci\u00f3n\/EMPLEADA EMBARAZADA DESVINCULADA DE CARGO DE CARRERA-Pago de salarios \u00a0 Referencia: expediente T- 294867 \u00a0 \u00a0 \u00a0 Acci\u00f3n de tutela instaurada por Martha Luc\u00eda Lemus contra el Instituto Departamental de Asistencia Social del Meta. \u00a0 Procedencia: Tribunal Administrativo del Meta \u00a0 Magistrado Ponente: \u00a0 Dr. ALEJANDRO MARTINEZ CABALLERO \u00a0 Santa Fe de Bogot\u00e1, D.C., veintid\u00f3s (22) de junio del dos mil (2.000). \u00a0 SENTENCIA \u00a0 Dentro del proceso de revisi\u00f3n del fallo proferido por ...<br \/><div class=\"pt-cv-rmwrap\"><a href=\"https:\/\/www.dmsjuridica.com\/buscador_20179478954\/corteconstitucionalcronologico202454587\/t-768-00\/\" class=\"_self pt-cv-readmore btn btn-success\" target=\"_self\">Ver Sentencia Completa...<\/a><\/div><\/div><\/div><\/div>\n<div class=\"col-md-12 col-sm-12 col-xs-12 pt-cv-content-item pt-cv-1-col\" ><div class='pt-cv-ifield'><a href=\"https:\/\/www.dmsjuridica.com\/buscador_20179478954\/corteconstitucionalcronologico202454587\/t-767-00\/\" class=\"_self pt-cv-href-thumbnail pt-cv-thumb-default\" target=\"_self\" ><\/a>\n<div class=\"pt-cv-taxoterm above_title\"><a href='https:\/\/www.dmsjuridica.com\/buscador_20179478954\/corteconstitucionalcronologico202454587\/category\/buscar-en-toda-la-corte\/2000\/tutelas-2000\/' title='Tutelas 2000' class='pt-cv-tax-tutelas-2000'>Tutelas 2000<\/a><\/div>\n<h4 class=\"pt-cv-title\"><a href=\"https:\/\/www.dmsjuridica.com\/buscador_20179478954\/corteconstitucionalcronologico202454587\/t-767-00\/\" class=\"_self\" target=\"_self\" >T-767-00<\/a><\/h4>\n<div class=\"pt-cv-content\">\u00a0 \u00a0 Sentencia T-767\/00 \u00a0 ENTIDAD PROMOTORA DE SALUD-No continuaci\u00f3n prestaci\u00f3n del servicio por mora en aportes\/EMPLEADOR-Responsabilidad por servicios de salud\/SERVICIO DE SALUD-Responsabilidad compartida entre patrono y EPS \u00a0 Referencia: expediente T- 294453 \u00a0 \u00a0 \u00a0 Acci\u00f3n de tutela instaurada por Alvaristo Howard Bernard contra el Seguro Social. \u00a0 Procedencia: Juzgado Promiscuo de Familia de San Andres Isla \u00a0 Magistrado Ponente: \u00a0 Dr. ALEJANDRO MARTINEZ CABALLERO \u00a0 Santa Fe de Bogot\u00e1, D.C., veintid\u00f3s (22) de junio del dos mil (2.000). \u00a0 La Sala Sexta de Revisi\u00f3n de la Corte Constitucional, integrada por los Magistrados doctores Alejandro Mart\u00ednez Caballero, Fabio Mor\u00f3n ...<br \/><div class=\"pt-cv-rmwrap\"><a href=\"https:\/\/www.dmsjuridica.com\/buscador_20179478954\/corteconstitucionalcronologico202454587\/t-767-00\/\" class=\"_self pt-cv-readmore btn btn-success\" target=\"_self\">Ver Sentencia Completa...<\/a><\/div><\/div><\/div><\/div>\n<div class=\"col-md-12 col-sm-12 col-xs-12 pt-cv-content-item pt-cv-1-col\" ><div class='pt-cv-ifield'><a href=\"https:\/\/www.dmsjuridica.com\/buscador_20179478954\/corteconstitucionalcronologico202454587\/t-766-00\/\" class=\"_self pt-cv-href-thumbnail pt-cv-thumb-default\" target=\"_self\" ><\/a>\n<div class=\"pt-cv-taxoterm above_title\"><a href='https:\/\/www.dmsjuridica.com\/buscador_20179478954\/corteconstitucionalcronologico202454587\/category\/buscar-en-toda-la-corte\/2000\/tutelas-2000\/' title='Tutelas 2000' class='pt-cv-tax-tutelas-2000'>Tutelas 2000<\/a><\/div>\n<h4 class=\"pt-cv-title\"><a href=\"https:\/\/www.dmsjuridica.com\/buscador_20179478954\/corteconstitucionalcronologico202454587\/t-766-00\/\" class=\"_self\" target=\"_self\" >T-766-00<\/a><\/h4>\n<div class=\"pt-cv-content\">\u00a0 \u00a0 Sentencia T-766\/00 \u00a0 DERECHO DE PETICION-Pronta resoluci\u00f3n y decisi\u00f3n de fondo \u00a0 DERECHO DE PETICION-T\u00e9rmino de quince d\u00edas no es aplicable a pensi\u00f3n de sobreviviente que se origina en riesgo profesional \u00a0 El t\u00e9rmino de 15 d\u00edas h\u00e1biles que se\u00f1ala el art\u00edculo 6\u00ba del C\u00f3digo Contencioso Administrativo no es aplicable a la pensi\u00f3n de sobrevivientes que se origina en el riesgo profesional, como quiera que la entidad administradora del riesgo est\u00e1 obligada a cumplir con el tr\u00e1mite que disponen las normas que regulan el tema, el cual excede del t\u00e9rmino general que se\u00f1ala el C\u00f3digo Contencioso Administrativo. Sin ...<br \/><div class=\"pt-cv-rmwrap\"><a href=\"https:\/\/www.dmsjuridica.com\/buscador_20179478954\/corteconstitucionalcronologico202454587\/t-766-00\/\" class=\"_self pt-cv-readmore btn btn-success\" target=\"_self\">Ver Sentencia Completa...<\/a><\/div><\/div><\/div><\/div>\n<div class=\"col-md-12 col-sm-12 col-xs-12 pt-cv-content-item pt-cv-1-col\" ><div class='pt-cv-ifield'><a href=\"https:\/\/www.dmsjuridica.com\/buscador_20179478954\/corteconstitucionalcronologico202454587\/t-765-00\/\" class=\"_self pt-cv-href-thumbnail pt-cv-thumb-default\" target=\"_self\" ><\/a>\n<div class=\"pt-cv-taxoterm above_title\"><a href='https:\/\/www.dmsjuridica.com\/buscador_20179478954\/corteconstitucionalcronologico202454587\/category\/buscar-en-toda-la-corte\/2000\/tutelas-2000\/' title='Tutelas 2000' class='pt-cv-tax-tutelas-2000'>Tutelas 2000<\/a><\/div>\n<h4 class=\"pt-cv-title\"><a href=\"https:\/\/www.dmsjuridica.com\/buscador_20179478954\/corteconstitucionalcronologico202454587\/t-765-00\/\" class=\"_self\" target=\"_self\" >T-765-00<\/a><\/h4>\n<div class=\"pt-cv-content\">\u00a0 \u00a0 Sentencia T-765\/00 \u00a0 LICENCIA DE MATERNIDAD-Procedencia excepcional de tutela para el pago \u00a0 EXCEPCION DE CONTRATO NO CUMPLIDO-No pago oportuno de aportes\/ALLANAMIENTO A LA MORA-Recibo de aportes debidos en salud \u00a0 LICENCIA DE MATERNIDAD-Pago por allanamiento a la mora por EPS \u00a0 PRINCIPIO DE FAVORABILIDAD NORMATIVA EN MATERIA DE LICENCIA DE MATERNIDAD-Pago \u00a0 Referencia: expedientes T- 294.043 y T-294.124 (acumulados) \u00a0 Magistrado Ponente:\u00a0 \u00a0 Dr. ALEJANDRO MART\u00cdNEZ CABALLERO \u00a0 Santa Fe de Bogot\u00e1, veintid\u00f3s (22) de junio de dos mil (2000) \u00a0 La Sala Sexta de Revisi\u00f3n de la Corte Constitucional, en ejercicio de sus competencias constitucionales y ...<br \/><div class=\"pt-cv-rmwrap\"><a href=\"https:\/\/www.dmsjuridica.com\/buscador_20179478954\/corteconstitucionalcronologico202454587\/t-765-00\/\" class=\"_self pt-cv-readmore btn btn-success\" target=\"_self\">Ver Sentencia Completa...<\/a><\/div><\/div><\/div><\/div>\n<div class=\"col-md-12 col-sm-12 col-xs-12 pt-cv-content-item pt-cv-1-col\" ><div class='pt-cv-ifield'><a href=\"https:\/\/www.dmsjuridica.com\/buscador_20179478954\/corteconstitucionalcronologico202454587\/t-764-00\/\" class=\"_self pt-cv-href-thumbnail pt-cv-thumb-default\" target=\"_self\" ><\/a>\n<div class=\"pt-cv-taxoterm above_title\"><a href='https:\/\/www.dmsjuridica.com\/buscador_20179478954\/corteconstitucionalcronologico202454587\/category\/buscar-en-toda-la-corte\/2000\/tutelas-2000\/' title='Tutelas 2000' class='pt-cv-tax-tutelas-2000'>Tutelas 2000<\/a><\/div>\n<h4 class=\"pt-cv-title\"><a href=\"https:\/\/www.dmsjuridica.com\/buscador_20179478954\/corteconstitucionalcronologico202454587\/t-764-00\/\" class=\"_self\" target=\"_self\" >T-764-00<\/a><\/h4>\n<div class=\"pt-cv-content\">\u00a0 \u00a0 Sentencia T-764\/00 \u00a0 DERECHO A LA ESTABILIDAD LABORAL REFORZADA DE MUJER EMBARAZADA-Procedencia excepcional de tutela \u00a0 CONTRATO A TERMINO FIJO-Temporalidad \u00a0 MUJER EMBARAZADA EN CONTRATO A TERMINO FIJO-Protecci\u00f3n \u00a0 CONTRATO A TERMINO FIJO-Pr\u00f3rroga\/ESTABILIDAD LABORAL REFORZADA DE MUJER EMBARAZADA-Conocimiento por empleador de estado de gravidez con anterioridad al vencimiento del contrato \u00a0 Referencia: expediente T- 296319 \u00a0 \u00a0 \u00a0 Acci\u00f3n de tutela instaurada por Mar\u00eda Cristina Hinestroza Ibarguen contra la Caja de Compensaci\u00f3n Familiar del Choco \u00a0 Procedencia: Sala Laboral del Tribunal de Quibd\u00f3 \u00a0 Magistrado Ponente: \u00a0 Dr. ALEJANDRO MARTINEZ CABALLERO \u00a0 Santa Fe de Bogot\u00e1, D.C., veintid\u00f3s ...<br \/><div class=\"pt-cv-rmwrap\"><a href=\"https:\/\/www.dmsjuridica.com\/buscador_20179478954\/corteconstitucionalcronologico202454587\/t-764-00\/\" class=\"_self pt-cv-readmore btn btn-success\" target=\"_self\">Ver Sentencia Completa...<\/a><\/div><\/div><\/div><\/div>\n<div class=\"col-md-12 col-sm-12 col-xs-12 pt-cv-content-item pt-cv-1-col\" ><div class='pt-cv-ifield'><a href=\"https:\/\/www.dmsjuridica.com\/buscador_20179478954\/corteconstitucionalcronologico202454587\/t-763-00\/\" class=\"_self pt-cv-href-thumbnail pt-cv-thumb-default\" target=\"_self\" ><\/a>\n<div class=\"pt-cv-taxoterm above_title\"><a href='https:\/\/www.dmsjuridica.com\/buscador_20179478954\/corteconstitucionalcronologico202454587\/category\/buscar-en-toda-la-corte\/2000\/tutelas-2000\/' title='Tutelas 2000' class='pt-cv-tax-tutelas-2000'>Tutelas 2000<\/a><\/div>\n<h4 class=\"pt-cv-title\"><a href=\"https:\/\/www.dmsjuridica.com\/buscador_20179478954\/corteconstitucionalcronologico202454587\/t-763-00\/\" class=\"_self\" target=\"_self\" >T-763-00<\/a><\/h4>\n<div class=\"pt-cv-content\">\u00a0 \u00a0 Sentencia T-763\/00 \u00a0 MEDIO DE DEFENSA JUDICIAL-Pago de prestaciones laborales \u00a0 Reiteraci\u00f3n de Jurisprudencia \u00a0 Referencia: expedientes T-289366-289376-289377 \u00a0 Peticionarias: Esperanza Ortiz y Otras \u00a0 Magistrado Ponente: \u00a0 Dr. EDUARDO CIFUENTES MU\u00d1OZ \u00a0 Santa Fe de Bogot\u00e1, D.C., veintid\u00f3s (22) de junio de dos mil (2000) \u00a0 Esperanza Ort\u00edz, Mar\u00eda Ruth L\u00f3pez Leal y M\u00f3nica Zarta Arias interponen acci\u00f3n de tutela en contra del Departamento del Meta y la Secretar\u00eda de Salud Departamental del Meta por considerar que la mora en que ha incurrido la demandada en cancelar los salarios desde el mes de agosto de 1999, as\u00ed ...<br \/><div class=\"pt-cv-rmwrap\"><a href=\"https:\/\/www.dmsjuridica.com\/buscador_20179478954\/corteconstitucionalcronologico202454587\/t-763-00\/\" class=\"_self pt-cv-readmore btn btn-success\" target=\"_self\">Ver Sentencia Completa...<\/a><\/div><\/div><\/div><\/div>\n<div class=\"col-md-12 col-sm-12 col-xs-12 pt-cv-content-item pt-cv-1-col\" ><div class='pt-cv-ifield'><a href=\"https:\/\/www.dmsjuridica.com\/buscador_20179478954\/corteconstitucionalcronologico202454587\/t-762-00\/\" class=\"_self pt-cv-href-thumbnail pt-cv-thumb-default\" target=\"_self\" ><\/a>\n<div class=\"pt-cv-taxoterm above_title\"><a href='https:\/\/www.dmsjuridica.com\/buscador_20179478954\/corteconstitucionalcronologico202454587\/category\/buscar-en-toda-la-corte\/2000\/tutelas-2000\/' title='Tutelas 2000' class='pt-cv-tax-tutelas-2000'>Tutelas 2000<\/a><\/div>\n<h4 class=\"pt-cv-title\"><a href=\"https:\/\/www.dmsjuridica.com\/buscador_20179478954\/corteconstitucionalcronologico202454587\/t-762-00\/\" class=\"_self\" target=\"_self\" >T-762-00<\/a><\/h4>\n<div class=\"pt-cv-content\">\u00a0 \u00a0 Sentencia T-762\/00 \u00a0 DERECHO AL TRABAJO EN CONDICIONES DIGNAS Y JUSTAS-Discriminaci\u00f3n salarial por acoger un sistema de cesant\u00edas distinto al m\u00e1s conveniente para el empleador\/REGIMEN DE CESANTIAS-Libertad de opci\u00f3n del trabajador \u00a0 Reiteraci\u00f3n de jurisprudencia \u00a0 Referencia: expedientes T-305909, T-305934 y T-309040 (Acumulados) \u00a0 Magistrado Ponente: \u00a0 Dr. EDUARDO CIFUENTES MU\u00d1OZ \u00a0 Sentencia aprobada en Santa Fe de Bogot\u00e1, D.C., a los veintid\u00f3s (22) d\u00edas del mes de junio de dos mil (2000). \u00a0 Los se\u00f1ores OMAR ARISTIZABAL OROZCO, JESUS ANTONIO RUA GALINDO, ANTONIO JOSE OQUENDO, LAZARO BEDOYA GARCIA, OSCAR ORLANDO CIFUENTES PIEDRAHITA, LUIS EDUARDO POSADA TAPIAS, HECTOR ...<br \/><div class=\"pt-cv-rmwrap\"><a href=\"https:\/\/www.dmsjuridica.com\/buscador_20179478954\/corteconstitucionalcronologico202454587\/t-762-00\/\" class=\"_self pt-cv-readmore btn btn-success\" target=\"_self\">Ver Sentencia Completa...<\/a><\/div><\/div><\/div><\/div>\n<div class=\"col-md-12 col-sm-12 col-xs-12 pt-cv-content-item pt-cv-1-col\" ><div class='pt-cv-ifield'><a href=\"https:\/\/www.dmsjuridica.com\/buscador_20179478954\/corteconstitucionalcronologico202454587\/t-761-00\/\" class=\"_self pt-cv-href-thumbnail pt-cv-thumb-default\" target=\"_self\" ><\/a>\n<div class=\"pt-cv-taxoterm above_title\"><a href='https:\/\/www.dmsjuridica.com\/buscador_20179478954\/corteconstitucionalcronologico202454587\/category\/buscar-en-toda-la-corte\/2000\/tutelas-2000\/' title='Tutelas 2000' class='pt-cv-tax-tutelas-2000'>Tutelas 2000<\/a><\/div>\n<h4 class=\"pt-cv-title\"><a href=\"https:\/\/www.dmsjuridica.com\/buscador_20179478954\/corteconstitucionalcronologico202454587\/t-761-00\/\" class=\"_self\" target=\"_self\" >T-761-00<\/a><\/h4>\n<div class=\"pt-cv-content\">\u00a0 \u00a0 Sentencia T-761\/00 \u00a0 DERECHO AL MINIMO VITAL DEL PENSIONADO-Pago oportuno de mesadas \u00a0 DERECHO AL MINIMO VITAL DEL PENSIONADO-Presunci\u00f3n de afectaci\u00f3n por no pago oportuno de mesadas \u00a0 Reiteraci\u00f3n de Jurisprudencia \u00a0 Referencia: expediente T-294924 \u00a0 Acci\u00f3n de tutela instaurada por Plutarco Alfonso Veira Angulo contra Municipio de Tumaco\u00a0 \u00a0 Magistrado Ponente: \u00a0 Dr. ALEJANDRO MART\u00cdNEZ CABALLERO \u00a0 Santa Fe de Bogot\u00e1 D.C., a los veintid\u00f3s (22) d\u00edas del mes de junio de dos mil (2000). \u00a0 La Sala Sexta de Revisi\u00f3n de la Corte Constitucional, integrada por los Magistrados doctores Alejandro Mart\u00ednez Caballero, Fabio Mor\u00f3n D\u00edaz y ...<br \/><div class=\"pt-cv-rmwrap\"><a href=\"https:\/\/www.dmsjuridica.com\/buscador_20179478954\/corteconstitucionalcronologico202454587\/t-761-00\/\" class=\"_self pt-cv-readmore btn btn-success\" target=\"_self\">Ver Sentencia Completa...<\/a><\/div><\/div><\/div><\/div>\n<div class=\"col-md-12 col-sm-12 col-xs-12 pt-cv-content-item pt-cv-1-col\" ><div class='pt-cv-ifield'><a href=\"https:\/\/www.dmsjuridica.com\/buscador_20179478954\/corteconstitucionalcronologico202454587\/t-760-00\/\" class=\"_self pt-cv-href-thumbnail pt-cv-thumb-default\" target=\"_self\" ><\/a>\n<div class=\"pt-cv-taxoterm above_title\"><a href='https:\/\/www.dmsjuridica.com\/buscador_20179478954\/corteconstitucionalcronologico202454587\/category\/buscar-en-toda-la-corte\/2000\/tutelas-2000\/' title='Tutelas 2000' class='pt-cv-tax-tutelas-2000'>Tutelas 2000<\/a><\/div>\n<h4 class=\"pt-cv-title\"><a href=\"https:\/\/www.dmsjuridica.com\/buscador_20179478954\/corteconstitucionalcronologico202454587\/t-760-00\/\" class=\"_self\" target=\"_self\" >T-760-00<\/a><\/h4>\n<div class=\"pt-cv-content\">\u00a0 \u00a0 Sentencia T-760\/00 \u00a0 ACCION DE TUTELA-Procedencia excepcional pago de acreencias laborales \u00a0 DERECHO AL MINIMO VITAL DEL TRABAJADOR-Pago oportuno de salarios \u00a0 Reiteraci\u00f3n de jurisprudencia \u00a0 Referencia: expediente T-295356 \u00a0 Acci\u00f3n de tutela instaurada por Jhon Fredy Contreras Su\u00e1rez contra el Municipio de Corozal (Sucre). \u00a0 Magistrado ponente: \u00a0 Dr. ALEJANDRO MART\u00cdNEZ CABALLERO \u00a0 Santaf\u00e9 de Bogot\u00e1, D.C., a los veintid\u00f3s (22) d\u00edas del mes de junio de dos mil (2000). \u00a0 La Sala Sexta de Revisi\u00f3n de la Corte Constitucional, integrada por los Magistrado doctores Alejandro Mart\u00ednez Caballero, Fabio Mor\u00f3n D\u00edaz y Vladimiro naranjo Mesa, en ejercicio ...<br \/><div class=\"pt-cv-rmwrap\"><a href=\"https:\/\/www.dmsjuridica.com\/buscador_20179478954\/corteconstitucionalcronologico202454587\/t-760-00\/\" class=\"_self pt-cv-readmore btn btn-success\" target=\"_self\">Ver Sentencia Completa...<\/a><\/div><\/div><\/div><\/div>\n<div class=\"col-md-12 col-sm-12 col-xs-12 pt-cv-content-item pt-cv-1-col\" ><div class='pt-cv-ifield'><a href=\"https:\/\/www.dmsjuridica.com\/buscador_20179478954\/corteconstitucionalcronologico202454587\/t-759-00\/\" class=\"_self pt-cv-href-thumbnail pt-cv-thumb-default\" target=\"_self\" ><\/a>\n<div class=\"pt-cv-taxoterm above_title\"><a href='https:\/\/www.dmsjuridica.com\/buscador_20179478954\/corteconstitucionalcronologico202454587\/category\/buscar-en-toda-la-corte\/2000\/tutelas-2000\/' title='Tutelas 2000' class='pt-cv-tax-tutelas-2000'>Tutelas 2000<\/a><\/div>\n<h4 class=\"pt-cv-title\"><a href=\"https:\/\/www.dmsjuridica.com\/buscador_20179478954\/corteconstitucionalcronologico202454587\/t-759-00\/\" class=\"_self\" target=\"_self\" >T-759-00<\/a><\/h4>\n<div class=\"pt-cv-content\">\u00a0 \u00a0 Sentencia T-759\/00 \u00a0 ACCION DE TUTELA CONTRA PARTICULARES-Subordinaci\u00f3n \u00a0 ACCION DE TUTELA-Procedencia excepcional pago de acreencias laborales\/DERECHO AL MINIMO VITAL DEL TRABAJADOR-Pago oportuno de salarios \u00a0 EMPLEADOR-Falta de presupuesto o insolvencia para pago oportuno de salarios no es raz\u00f3n suficiente \u00a0 EMPLEADOR-Asunci\u00f3n de responsabilidad por mora en aportes en salud \u00a0 Reiteraci\u00f3n de Jurisprudencia \u00a0 Referencia: expediente T-295358 \u00a0 Acci\u00f3n de tutela instaurada por Jos\u00e9 Dario Duque G\u00f3mez y Actor Abad George Arteaga contra la empresa Seguridad HUIGNIC Ltda.\u00a0 \u00a0 Magistrado Ponente: \u00a0 Dr. ALEJANDRO MART\u00cdNEZ CABALLERO \u00a0 Santa Fe de Bogot\u00e1, D.C., a los veintid\u00f3s (22) d\u00edas ...<br \/><div class=\"pt-cv-rmwrap\"><a href=\"https:\/\/www.dmsjuridica.com\/buscador_20179478954\/corteconstitucionalcronologico202454587\/t-759-00\/\" class=\"_self pt-cv-readmore btn btn-success\" target=\"_self\">Ver Sentencia Completa...<\/a><\/div><\/div><\/div><\/div>\n<div class=\"col-md-12 col-sm-12 col-xs-12 pt-cv-content-item pt-cv-1-col\" ><div class='pt-cv-ifield'><a href=\"https:\/\/www.dmsjuridica.com\/buscador_20179478954\/corteconstitucionalcronologico202454587\/t-758-00\/\" class=\"_self pt-cv-href-thumbnail pt-cv-thumb-default\" target=\"_self\" ><\/a>\n<div class=\"pt-cv-taxoterm above_title\"><a href='https:\/\/www.dmsjuridica.com\/buscador_20179478954\/corteconstitucionalcronologico202454587\/category\/buscar-en-toda-la-corte\/2000\/tutelas-2000\/' title='Tutelas 2000' class='pt-cv-tax-tutelas-2000'>Tutelas 2000<\/a><\/div>\n<h4 class=\"pt-cv-title\"><a href=\"https:\/\/www.dmsjuridica.com\/buscador_20179478954\/corteconstitucionalcronologico202454587\/t-758-00\/\" class=\"_self\" target=\"_self\" >T-758-00<\/a><\/h4>\n<div class=\"pt-cv-content\">\u00a0 \u00a0 Sentencia T-758\/00 \u00a0 ACCION DE TUTELA-Procedencia excepcional pago de acreencias laborales\/DERECHO AL MINIMO VITAL DEL PENSIONADO-Pago oportuno de mesadas\/ACCION DE TUTELA-Hecho superado \u00a0 Reiteraci\u00f3n de Jurisprudencia \u00a0 Referencia: expedientes acumulados T-294318 y T-296659. \u00a0 Acciones de tutela instauradas por Betty Velasco Parra, Rosa Elvira Fern\u00e1ndez, Leonor C\u00f3rdoba Tacu\u00e9, Jes\u00fas Efr\u00e9n Sandoval Paz, Melida Cabrera, Elizabeth Ante Rodr\u00edguez, Carmen Eugenia Ante Mosquera, Elsa Esperanza Melenje Victoria, Luis Enrique Rosero Dorado, Angel Gabriel Sandoval Bueno, Edith Julia Pab\u00f3n Pab\u00f3n, Ra\u00fal Arturo Angucho, Blanca Elcira Torres, Carlos Ignacio Castro Santacruz, Julio C\u00e9sar Agredo, Clemencia Medina, Tom\u00e1s Caicedo Ram\u00edrez, Gustavo Jim\u00e9nez Calvache, ...<br \/><div class=\"pt-cv-rmwrap\"><a href=\"https:\/\/www.dmsjuridica.com\/buscador_20179478954\/corteconstitucionalcronologico202454587\/t-758-00\/\" class=\"_self pt-cv-readmore btn btn-success\" target=\"_self\">Ver Sentencia Completa...<\/a><\/div><\/div><\/div><\/div>\n<div class=\"col-md-12 col-sm-12 col-xs-12 pt-cv-content-item pt-cv-1-col\" ><div class='pt-cv-ifield'><a href=\"https:\/\/www.dmsjuridica.com\/buscador_20179478954\/corteconstitucionalcronologico202454587\/t-757-00\/\" class=\"_self pt-cv-href-thumbnail pt-cv-thumb-default\" target=\"_self\" ><\/a>\n<div class=\"pt-cv-taxoterm above_title\"><a href='https:\/\/www.dmsjuridica.com\/buscador_20179478954\/corteconstitucionalcronologico202454587\/category\/buscar-en-toda-la-corte\/2000\/tutelas-2000\/' title='Tutelas 2000' class='pt-cv-tax-tutelas-2000'>Tutelas 2000<\/a><\/div>\n<h4 class=\"pt-cv-title\"><a href=\"https:\/\/www.dmsjuridica.com\/buscador_20179478954\/corteconstitucionalcronologico202454587\/t-757-00\/\" class=\"_self\" target=\"_self\" >T-757-00<\/a><\/h4>\n<div class=\"pt-cv-content\">\u00a0 \u00a0 Sentencia T-757\/00 \u00a0 ACCION DE TUTELA-Procedencia excepcional pago de acreencias laborales\/DERECHO AL MINIMO VITAL DEL PENSIONADO-Pago oportuno de mesadas \u00a0 Reiteraci\u00f3n de jurisprudencia \u00a0 Referencia: expediente T-294756 \u00a0 Acci\u00f3n de tutela instaurada por Juvenal Ledesma Solarte contra la Caja de Previsi\u00f3n Social de Boyac\u00e1. \u00a0 Magistrado Ponente: \u00a0 Santa F\u00e9 de Bogot\u00e1 D.C., a los veintid\u00f3s (22) d\u00edas del mes de junio de dos mil (2000). \u00a0 La Sala Sexta de Revisi\u00f3n de la Corte Constitucional, integrada por los Magistrados doctores Alejandro Mart\u00ednez Caballero, Fabio Mor\u00f3n D\u00edaz y Vladimiro Naranjo Mesa, en ejercicio de sus competencias constitucionales y ...<br \/><div class=\"pt-cv-rmwrap\"><a href=\"https:\/\/www.dmsjuridica.com\/buscador_20179478954\/corteconstitucionalcronologico202454587\/t-757-00\/\" class=\"_self pt-cv-readmore btn btn-success\" target=\"_self\">Ver Sentencia Completa...<\/a><\/div><\/div><\/div><\/div>\n<div class=\"col-md-12 col-sm-12 col-xs-12 pt-cv-content-item pt-cv-1-col\" ><div class='pt-cv-ifield'><a href=\"https:\/\/www.dmsjuridica.com\/buscador_20179478954\/corteconstitucionalcronologico202454587\/t-756-00\/\" class=\"_self pt-cv-href-thumbnail pt-cv-thumb-default\" target=\"_self\" ><\/a>\n<div class=\"pt-cv-taxoterm above_title\"><a href='https:\/\/www.dmsjuridica.com\/buscador_20179478954\/corteconstitucionalcronologico202454587\/category\/buscar-en-toda-la-corte\/2000\/tutelas-2000\/' title='Tutelas 2000' class='pt-cv-tax-tutelas-2000'>Tutelas 2000<\/a><\/div>\n<h4 class=\"pt-cv-title\"><a href=\"https:\/\/www.dmsjuridica.com\/buscador_20179478954\/corteconstitucionalcronologico202454587\/t-756-00\/\" class=\"_self\" target=\"_self\" >T-756-00<\/a><\/h4>\n<div class=\"pt-cv-content\">\u00a0 \u00a0 Sentencia T-756\/00 \u00a0 DERECHO AL MINIMO VITAL DEL PENSIONADO-Pago oportuno de mesadas \u00a0 Reiteraci\u00f3n de Jurisprudencia \u00a0 Referencia: expediente T 293620 \u00a0 Acci\u00f3n de tutela instaurada por Nona Gallardo de Robinson contra el Municipio de Providencia \u00a0 \u00a0 \u00a0 \u00a0 \u2013 Isla -. \u00a0 Magistrado Ponente: \u00a0 Dr. ALEJANDRO MART\u00cdNEZ CABALLERO \u00a0 Santa Fe de Bogot\u00e1 D.C., a los veintid\u00f3s (22) d\u00edas del mes junio de dos mil (2000). \u00a0 La Sala Sexta de Revisi\u00f3n de la Corte Constitucional, integrada por los Magistrados doctores Alejandro Mart\u00ednez Caballero, Fabio Mor\u00f3n D\u00edaz y Vladimiro Naranjo Mesa, en ejercicio de sus ...<br \/><div class=\"pt-cv-rmwrap\"><a href=\"https:\/\/www.dmsjuridica.com\/buscador_20179478954\/corteconstitucionalcronologico202454587\/t-756-00\/\" class=\"_self pt-cv-readmore btn btn-success\" target=\"_self\">Ver Sentencia Completa...<\/a><\/div><\/div><\/div><\/div>\n<div class=\"col-md-12 col-sm-12 col-xs-12 pt-cv-content-item pt-cv-1-col\" ><div class='pt-cv-ifield'><a href=\"https:\/\/www.dmsjuridica.com\/buscador_20179478954\/corteconstitucionalcronologico202454587\/t-755-00\/\" class=\"_self pt-cv-href-thumbnail pt-cv-thumb-default\" target=\"_self\" ><\/a>\n<div class=\"pt-cv-taxoterm above_title\"><a href='https:\/\/www.dmsjuridica.com\/buscador_20179478954\/corteconstitucionalcronologico202454587\/category\/buscar-en-toda-la-corte\/2000\/tutelas-2000\/' title='Tutelas 2000' class='pt-cv-tax-tutelas-2000'>Tutelas 2000<\/a><\/div>\n<h4 class=\"pt-cv-title\"><a href=\"https:\/\/www.dmsjuridica.com\/buscador_20179478954\/corteconstitucionalcronologico202454587\/t-755-00\/\" class=\"_self\" target=\"_self\" >T-755-00<\/a><\/h4>\n<div class=\"pt-cv-content\">ACCION DE TUTELA CONTRA PARTICULARES-Subordinaci\u00f3n \u00a0 ACCION DE TUTELA-Procedencia excepcional pago de acreencias laborales\/DERECHO AL MINIMO VITAL DEL TRABAJADOR-Pago oportuno de salarios \u00a0 DERECHO AL PAGO OPORTUNO DEL SALARIO-Fundamental \u00a0 EMPLEADOR-Falta de presupuesto o insolvencia para pago oportuno de salarios no es raz\u00f3n suficiente \u00a0 REMUNERACION MINIMA VITAL Y MOVIL-Medici\u00f3n que no agota el concepto \u00a0 Reiteraci\u00f3n de Jurisprudencia \u00a0 Referencia: expediente T-293495 \u00a0 Acci\u00f3n de tutela instaurada por M\u00e1ximo Jos\u00e9 Mercado Anillo contra la empresa de Vigilancia COVITECNICA Ltda.\u00a0 \u00a0 Magistrado Ponente: \u00a0 Dr. ALEJANDRO MART\u00cdNEZ CABALLERO \u00a0 Santa Fe de Bogot\u00e1, D.C., a los veintid\u00f3s (22) d\u00edas del ...<br \/><div class=\"pt-cv-rmwrap\"><a href=\"https:\/\/www.dmsjuridica.com\/buscador_20179478954\/corteconstitucionalcronologico202454587\/t-755-00\/\" class=\"_self pt-cv-readmore btn btn-success\" target=\"_self\">Ver Sentencia Completa...<\/a><\/div><\/div><\/div><\/div>\n<div class=\"col-md-12 col-sm-12 col-xs-12 pt-cv-content-item pt-cv-1-col\" ><div class='pt-cv-ifield'><a href=\"https:\/\/www.dmsjuridica.com\/buscador_20179478954\/corteconstitucionalcronologico202454587\/t-754-00\/\" class=\"_self pt-cv-href-thumbnail pt-cv-thumb-default\" target=\"_self\" ><\/a>\n<div class=\"pt-cv-taxoterm above_title\"><a href='https:\/\/www.dmsjuridica.com\/buscador_20179478954\/corteconstitucionalcronologico202454587\/category\/buscar-en-toda-la-corte\/2000\/tutelas-2000\/' title='Tutelas 2000' class='pt-cv-tax-tutelas-2000'>Tutelas 2000<\/a><\/div>\n<h4 class=\"pt-cv-title\"><a href=\"https:\/\/www.dmsjuridica.com\/buscador_20179478954\/corteconstitucionalcronologico202454587\/t-754-00\/\" class=\"_self\" target=\"_self\" >T-754-00<\/a><\/h4>\n<div class=\"pt-cv-content\">\u00a0 \u00a0 Sentencia T-754\/00 \u00a0 ACCION DE TUTELA CONTRA PARTICULARES-Subordinaci\u00f3n \u00a0 ACCION DE TUTELA-Procedencia excepcional pago de acreencias laborales\/DERECHO AL MINIMO VITAL DEL TRABAJADOR-Pago oportuno de salarios \u00a0 DERECHO AL PAGO OPORTUNO DEL SALARIO-Fundamental \u00a0 EMPLEADOR-Falta de presupuesto o insolvencia para pago oportuno de salarios no es raz\u00f3n suficiente \u00a0 Reiteraci\u00f3n de Jurisprudencia \u00a0 Acci\u00f3n de tutela instaurada por Edgar Enrique de la Hoz Cardenas contra la Corporaci\u00f3n Club Alem\u00e1n de Barranquilla.\u00a0 \u00a0 Magistrado Ponente: \u00a0 Dr. ALEJANDRO MART\u00cdNEZ CABALLERO \u00a0 Santa Fe de Bogot\u00e1, D.C., a los veintid\u00f3s (22) d\u00edas del mes de junio de dos mil (2000). \u00a0 ...<br \/><div class=\"pt-cv-rmwrap\"><a href=\"https:\/\/www.dmsjuridica.com\/buscador_20179478954\/corteconstitucionalcronologico202454587\/t-754-00\/\" class=\"_self pt-cv-readmore btn btn-success\" target=\"_self\">Ver Sentencia Completa...<\/a><\/div><\/div><\/div><\/div>\n<div class=\"col-md-12 col-sm-12 col-xs-12 pt-cv-content-item pt-cv-1-col\" ><div class='pt-cv-ifield'><a href=\"https:\/\/www.dmsjuridica.com\/buscador_20179478954\/corteconstitucionalcronologico202454587\/t-753-00\/\" class=\"_self pt-cv-href-thumbnail pt-cv-thumb-default\" target=\"_self\" ><\/a>\n<div class=\"pt-cv-taxoterm above_title\"><a href='https:\/\/www.dmsjuridica.com\/buscador_20179478954\/corteconstitucionalcronologico202454587\/category\/buscar-en-toda-la-corte\/2000\/tutelas-2000\/' title='Tutelas 2000' class='pt-cv-tax-tutelas-2000'>Tutelas 2000<\/a><\/div>\n<h4 class=\"pt-cv-title\"><a href=\"https:\/\/www.dmsjuridica.com\/buscador_20179478954\/corteconstitucionalcronologico202454587\/t-753-00\/\" class=\"_self\" target=\"_self\" >T-753-00<\/a><\/h4>\n<div class=\"pt-cv-content\">\u00a0 \u00a0 Sentencia T-753\/00 \u00a0 ACCION DE TUTELA-Procedencia excepcional pago de acreencias laborales\/DERECHO AL MINIMO VITAL DEL PENSIONADO-Pago oportuno de mesadas \u00a0 DERECHO A LA PENSION DE JUBILACION-Aplicaci\u00f3n inmediata \u00a0 El derecho a la seguridad social y en especial el derecho a la pensi\u00f3n de jubilaci\u00f3n o vejez, en los t\u00e9rminos definidos por la ley, constituye un derecho de aplicaci\u00f3n inmediata en aquellos eventos en los cuales est\u00e1 destinado a suplir el m\u00ednimo vital b\u00e1sico de las personas de la tercera edad. Lo anterior, no s\u00f3lo por su estrecha relaci\u00f3n con el derecho al trabajo, sino porque en trat\u00e1ndose de ...<br \/><div class=\"pt-cv-rmwrap\"><a href=\"https:\/\/www.dmsjuridica.com\/buscador_20179478954\/corteconstitucionalcronologico202454587\/t-753-00\/\" class=\"_self pt-cv-readmore btn btn-success\" target=\"_self\">Ver Sentencia Completa...<\/a><\/div><\/div><\/div><\/div>\n<div class=\"col-md-12 col-sm-12 col-xs-12 pt-cv-content-item pt-cv-1-col\" ><div class='pt-cv-ifield'><a href=\"https:\/\/www.dmsjuridica.com\/buscador_20179478954\/corteconstitucionalcronologico202454587\/t-752-00\/\" class=\"_self pt-cv-href-thumbnail pt-cv-thumb-default\" target=\"_self\" ><\/a>\n<div class=\"pt-cv-taxoterm above_title\"><a href='https:\/\/www.dmsjuridica.com\/buscador_20179478954\/corteconstitucionalcronologico202454587\/category\/buscar-en-toda-la-corte\/2000\/tutelas-2000\/' title='Tutelas 2000' class='pt-cv-tax-tutelas-2000'>Tutelas 2000<\/a><\/div>\n<h4 class=\"pt-cv-title\"><a href=\"https:\/\/www.dmsjuridica.com\/buscador_20179478954\/corteconstitucionalcronologico202454587\/t-752-00\/\" class=\"_self\" target=\"_self\" >T-752-00<\/a><\/h4>\n<div class=\"pt-cv-content\">\u00a0 \u00a0 Sentencia T-752\/00 \u00a0 ACCION DE TUTELA-Procedencia excepcional pago de acreencias laborales\/DERECHO AL MINIMO VITAL DEL PENSIONADO-Pago oportuno de mesadas \u00a0 Reiteraci\u00f3n de Jurisprudencia \u00a0 Referencia: expediente T-293130. \u00a0 Magistrado Ponente: \u00a0 Dr. ALEJANDRO MARTINEZ CABALLERO \u00a0 Santa Fe de Bogot\u00e1 D.C., a los veintid\u00f3s (22) d\u00edas del mes de julio de dos mil (2000). \u00a0 La Sala Sexta de Revisi\u00f3n de la Corte Constitucional, integrada por los Magistrados doctores Alejandro Mart\u00ednez Caballero, Fabio Mor\u00f3n D\u00edaz y Vladimiro Naranjo Mesa, en ejercicio de sus competencias constitucionales y legales, ha proferido la siguiente, \u00a0 SENTENCIA \u00a0 dentro del proceso de ...<br \/><div class=\"pt-cv-rmwrap\"><a href=\"https:\/\/www.dmsjuridica.com\/buscador_20179478954\/corteconstitucionalcronologico202454587\/t-752-00\/\" class=\"_self pt-cv-readmore btn btn-success\" target=\"_self\">Ver Sentencia Completa...<\/a><\/div><\/div><\/div><\/div>\n<div class=\"col-md-12 col-sm-12 col-xs-12 pt-cv-content-item pt-cv-1-col\" ><div class='pt-cv-ifield'><a href=\"https:\/\/www.dmsjuridica.com\/buscador_20179478954\/corteconstitucionalcronologico202454587\/t-751-00\/\" class=\"_self pt-cv-href-thumbnail pt-cv-thumb-default\" target=\"_self\" ><\/a>\n<div class=\"pt-cv-taxoterm above_title\"><a href='https:\/\/www.dmsjuridica.com\/buscador_20179478954\/corteconstitucionalcronologico202454587\/category\/buscar-en-toda-la-corte\/2000\/tutelas-2000\/' title='Tutelas 2000' class='pt-cv-tax-tutelas-2000'>Tutelas 2000<\/a><\/div>\n<h4 class=\"pt-cv-title\"><a href=\"https:\/\/www.dmsjuridica.com\/buscador_20179478954\/corteconstitucionalcronologico202454587\/t-751-00\/\" class=\"_self\" target=\"_self\" >T-751-00<\/a><\/h4>\n<div class=\"pt-cv-content\">\u00a0 \u00a0 Sentencia T-751\/00 \u00a0 ACCION DE TUTELA CONTRA PARTICULARES-Subordinaci\u00f3n \u00a0 DERECHO AL MINIMO VITAL DEL TRABAJADOR-Pago oportuno de salarios \u00a0 DERECHO AL PAGO OPORTUNO DEL SALARIO-Fundamental \u00a0 Reiteraci\u00f3n de Jurisprudencia \u00a0 Referencia: expedientes acumulados T-289571 y \u00a0 \u00a0 \u00a0T-296200. \u00a0 Acciones de tutela instauradas por Zulma Liliana Mart\u00ednez Castellanos y Alvaro Londo\u00f1o Duque contra Papeler\u00eda Dana Ltda, y\/o Sociedad Danaranjo Ltda.. \u00a0 Magistrado Ponente: \u00a0 Dr. ALEJANDRO MART\u00cdNEZ CABALLERO\u00a0 \u00a0 Santa Fe de Bogot\u00e1 D.C., a los veintid\u00f3s (22) d\u00edas del mes de junio de dos mil (2000). \u00a0 La Sala Sexta de Revisi\u00f3n de la Corte Constitucional, integrada ...<br \/><div class=\"pt-cv-rmwrap\"><a href=\"https:\/\/www.dmsjuridica.com\/buscador_20179478954\/corteconstitucionalcronologico202454587\/t-751-00\/\" class=\"_self pt-cv-readmore btn btn-success\" target=\"_self\">Ver Sentencia Completa...<\/a><\/div><\/div><\/div><\/div>\n<div class=\"col-md-12 col-sm-12 col-xs-12 pt-cv-content-item pt-cv-1-col\" ><div class='pt-cv-ifield'><a href=\"https:\/\/www.dmsjuridica.com\/buscador_20179478954\/corteconstitucionalcronologico202454587\/t-750-00\/\" class=\"_self pt-cv-href-thumbnail pt-cv-thumb-default\" target=\"_self\" ><\/a>\n<div class=\"pt-cv-taxoterm above_title\"><a href='https:\/\/www.dmsjuridica.com\/buscador_20179478954\/corteconstitucionalcronologico202454587\/category\/buscar-en-toda-la-corte\/2000\/tutelas-2000\/' title='Tutelas 2000' class='pt-cv-tax-tutelas-2000'>Tutelas 2000<\/a><\/div>\n<h4 class=\"pt-cv-title\"><a href=\"https:\/\/www.dmsjuridica.com\/buscador_20179478954\/corteconstitucionalcronologico202454587\/t-750-00\/\" class=\"_self\" target=\"_self\" >T-750-00<\/a><\/h4>\n<div class=\"pt-cv-content\">\u00a0 \u00a0 Sentencia T-750\/00 \u00a0 DERECHO AL MINIMO VITAL DEL PENSIONADO-Pago oportuno de mesadas \u00a0 Reiteraci\u00f3n de Jurisprudencia \u00a0 Referencia: expediente T-291363 \u00a0 Acci\u00f3n de tutela instaurada por Jorge Eliecer Torres Guevara contra Acer\u00edas Paz del R\u00edo S.A. \u00a0 Magistrado Ponente: \u00a0 Dr. ALEJANDRO MART\u00cdNEZ CABALLERO \u00a0 Santa Fe de Bogot\u00e1 D.C., a los\u00a0 \u00a0 \u00a0 \u00a0 \u00a0veintid\u00f3s (22) d\u00edas del mes de junio de dos mil (2000). \u00a0 La Sala Sexta de Revisi\u00f3n de la Corte Constitucional, integrada por los Magistrados doctores Alejandro Mart\u00ednez Caballero, Fabio Mor\u00f3n D\u00edaz y Vladimiro Naranjo Mesa, en ejercicio de sus competencias constitucionales y ...<br \/><div class=\"pt-cv-rmwrap\"><a href=\"https:\/\/www.dmsjuridica.com\/buscador_20179478954\/corteconstitucionalcronologico202454587\/t-750-00\/\" class=\"_self pt-cv-readmore btn btn-success\" target=\"_self\">Ver Sentencia Completa...<\/a><\/div><\/div><\/div><\/div>\n<div class=\"col-md-12 col-sm-12 col-xs-12 pt-cv-content-item pt-cv-1-col\" ><div class='pt-cv-ifield'><a href=\"https:\/\/www.dmsjuridica.com\/buscador_20179478954\/corteconstitucionalcronologico202454587\/t-749-00\/\" class=\"_self pt-cv-href-thumbnail pt-cv-thumb-default\" target=\"_self\" ><\/a>\n<div class=\"pt-cv-taxoterm above_title\"><a href='https:\/\/www.dmsjuridica.com\/buscador_20179478954\/corteconstitucionalcronologico202454587\/category\/buscar-en-toda-la-corte\/2000\/tutelas-2000\/' title='Tutelas 2000' class='pt-cv-tax-tutelas-2000'>Tutelas 2000<\/a><\/div>\n<h4 class=\"pt-cv-title\"><a href=\"https:\/\/www.dmsjuridica.com\/buscador_20179478954\/corteconstitucionalcronologico202454587\/t-749-00\/\" class=\"_self\" target=\"_self\" >T-749-00<\/a><\/h4>\n<div class=\"pt-cv-content\">LICENCIA DE MATERNIDAD-Objeto \u00a0 PRINCIPIO DE CONTINUIDAD EN EL SERVICIO DE SALUD-Allanamiento a la mora por EPS\/LICENCIA DE MATERNIDAD-Pago oportuno \u00a0 Reiteraci\u00f3n de Jurisprudencia \u00a0 Referencia: expediente T-290984 \u00a0 Acci\u00f3n de tutela instaurada por Gladys Sandoval Garc\u00eda contra el Instituto de Seguros Sociales.\u00a0 \u00a0 Magistrado Ponente: \u00a0 Dr. ALEJANDRO MART\u00cdNEZ CABALLERO. \u00a0 Santaf\u00e9 de Bogot\u00e1, D.C., a los veintid\u00f3s (22) d\u00edas del mes de junio de dos mil (200). \u00a0 La Sala Sexta de Revisi\u00f3n de la Corte Constitucional, integrada por los Magistrados doctores Alejandro Mart\u00ednez Caballero, Fabio Mor\u00f3n D\u00edaz y Vladimiro Naranjo Mesa, en ejercicio de sus competencias constitucionales ...<br \/><div class=\"pt-cv-rmwrap\"><a href=\"https:\/\/www.dmsjuridica.com\/buscador_20179478954\/corteconstitucionalcronologico202454587\/t-749-00\/\" class=\"_self pt-cv-readmore btn btn-success\" target=\"_self\">Ver Sentencia Completa...<\/a><\/div><\/div><\/div><\/div>\n<div class=\"col-md-12 col-sm-12 col-xs-12 pt-cv-content-item pt-cv-1-col\" ><div class='pt-cv-ifield'><a href=\"https:\/\/www.dmsjuridica.com\/buscador_20179478954\/corteconstitucionalcronologico202454587\/t-748-00\/\" class=\"_self pt-cv-href-thumbnail pt-cv-thumb-default\" target=\"_self\" ><\/a>\n<div class=\"pt-cv-taxoterm above_title\"><a href='https:\/\/www.dmsjuridica.com\/buscador_20179478954\/corteconstitucionalcronologico202454587\/category\/buscar-en-toda-la-corte\/2000\/tutelas-2000\/' title='Tutelas 2000' class='pt-cv-tax-tutelas-2000'>Tutelas 2000<\/a><\/div>\n<h4 class=\"pt-cv-title\"><a href=\"https:\/\/www.dmsjuridica.com\/buscador_20179478954\/corteconstitucionalcronologico202454587\/t-748-00\/\" class=\"_self\" target=\"_self\" >T-748-00<\/a><\/h4>\n<div class=\"pt-cv-content\">\u00a0 \u00a0 Sentencia T-748\/00 \u00a0 ACCION DE TUTELA-Procedencia excepcional pago de acreencias laborales\/DERECHO AL MINIMO VITAL DEL TRABAJADOR-Pago oportuno de salarios \u00a0 DERECHO AL PAGO OPORTUNO DEL SALARIO-Fundamental \u00a0 DERECHO A LA SEGURIDAD SOCIAL DEL NI\u00d1O-Fundamental \u00a0 DERECHO AL SUBSIDIO FAMILIAR DEL NI\u00d1O-Protecci\u00f3n por tutela \u00a0 Reiteraci\u00f3n de Jurisprudencia \u00a0 Referencia: expediente T-290486 \u00a0 Acci\u00f3n de tutela instaurada por Isabel Quintana Rodr\u00edguez contra el Gerente de la E.S.E. Hospital San Carlos de Salda\u00f1a (Tolima). \u00a0 Magistrado Ponente: \u00a0 Dr. ALEJANDRO MART\u00cdNEZ CABALLERO \u00a0 Santa Fe de Bogot\u00e1 D.C., a los veintid\u00f3s (22) d\u00edas del mes de junio dos mil (2000) ...<br \/><div class=\"pt-cv-rmwrap\"><a href=\"https:\/\/www.dmsjuridica.com\/buscador_20179478954\/corteconstitucionalcronologico202454587\/t-748-00\/\" class=\"_self pt-cv-readmore btn btn-success\" target=\"_self\">Ver Sentencia Completa...<\/a><\/div><\/div><\/div><\/div>\n<div class=\"col-md-12 col-sm-12 col-xs-12 pt-cv-content-item pt-cv-1-col\" ><div class='pt-cv-ifield'><a href=\"https:\/\/www.dmsjuridica.com\/buscador_20179478954\/corteconstitucionalcronologico202454587\/t-747-00\/\" class=\"_self pt-cv-href-thumbnail pt-cv-thumb-default\" target=\"_self\" ><\/a>\n<div class=\"pt-cv-taxoterm above_title\"><a href='https:\/\/www.dmsjuridica.com\/buscador_20179478954\/corteconstitucionalcronologico202454587\/category\/buscar-en-toda-la-corte\/2000\/tutelas-2000\/' title='Tutelas 2000' class='pt-cv-tax-tutelas-2000'>Tutelas 2000<\/a><\/div>\n<h4 class=\"pt-cv-title\"><a href=\"https:\/\/www.dmsjuridica.com\/buscador_20179478954\/corteconstitucionalcronologico202454587\/t-747-00\/\" class=\"_self\" target=\"_self\" >T-747-00<\/a><\/h4>\n<div class=\"pt-cv-content\">\u00a0 \u00a0 Sentencia T-747\/00 \u00a0 ACCION DE TUTELA CONTRA PARTICULARES-Subordinaci\u00f3n \u00a0 ACCION DE TUTELA-Procedencia excepcional pago de acreencias laborales \u00a0 DERECHO AL PAGO OPORTUNO DEL SALARIO-Fundamental \u00a0 DERECHO AL MINIMO VITAL DEL TRABAJADOR-Pago oportuno de salarios \u00a0 Reiteraci\u00f3n de Jurisprudencia \u00a0 Referencia: expediente T-290787 \u00a0 Acci\u00f3n de tutela instaurada por Ver\u00f3nica Celis Su\u00e1rez y otros contra la Cl\u00ednica la Merced de la ciudad de Bucaramanga \u00a0 Magistrado Ponente: \u00a0 Dr. ALEJANDRO MARTINEZ CABALLERO \u00a0 Santa Fe de Bogot\u00e1 D.C., a los veintid\u00f3s (22) d\u00edas del mes de junio dos mil (2000). \u00a0 SENTENCIA \u00a0 que pone fin al proceso dentro ...<br \/><div class=\"pt-cv-rmwrap\"><a href=\"https:\/\/www.dmsjuridica.com\/buscador_20179478954\/corteconstitucionalcronologico202454587\/t-747-00\/\" class=\"_self pt-cv-readmore btn btn-success\" target=\"_self\">Ver Sentencia Completa...<\/a><\/div><\/div><\/div><\/div>\n<div class=\"col-md-12 col-sm-12 col-xs-12 pt-cv-content-item pt-cv-1-col\" ><div class='pt-cv-ifield'><a href=\"https:\/\/www.dmsjuridica.com\/buscador_20179478954\/corteconstitucionalcronologico202454587\/t-746-00\/\" class=\"_self pt-cv-href-thumbnail pt-cv-thumb-default\" target=\"_self\" ><\/a>\n<div class=\"pt-cv-taxoterm above_title\"><a href='https:\/\/www.dmsjuridica.com\/buscador_20179478954\/corteconstitucionalcronologico202454587\/category\/buscar-en-toda-la-corte\/2000\/tutelas-2000\/' title='Tutelas 2000' class='pt-cv-tax-tutelas-2000'>Tutelas 2000<\/a><\/div>\n<h4 class=\"pt-cv-title\"><a href=\"https:\/\/www.dmsjuridica.com\/buscador_20179478954\/corteconstitucionalcronologico202454587\/t-746-00\/\" class=\"_self\" target=\"_self\" >T-746-00<\/a><\/h4>\n<div class=\"pt-cv-content\">\u00a0 \u00a0 Sentencia T-746\/00 \u00a0 ACCION DE TUTELA-Procedencia excepcional pago de acreencias laborales\/DERECHO AL MINIMO VITAL DEL TRABAJADOR-Pago oportuno de salarios\/EMPLEADOR-Falta de presupuesto o insolvencia para pago oportuno de salarios no es raz\u00f3n suficiente \u00a0 Reiteraci\u00f3n de Jurisprudencia \u00a0 Referencia: expediente T-290159 \u00a0 Acci\u00f3n de tutela instaurada por Manuel \u00a0Mar\u00eda Vizca\u00edno Padilla y otros contra el Hospital de Ponedera (Atl\u00e1ntico). \u00a0 Magistrado Ponente: \u00a0 Dr. ALEJANDRO MART\u00cdNEZ CABALLERO. \u00a0 Santaf\u00e9 de Bogot\u00e1 D.C., a los veintid\u00f3s (22) d\u00edas del mes de junio de dos mil (2000). \u00a0 La Sala Sexta de Revisi\u00f3n de la Corte Constitucional, integrada por los Magistrados ...<br \/><div class=\"pt-cv-rmwrap\"><a href=\"https:\/\/www.dmsjuridica.com\/buscador_20179478954\/corteconstitucionalcronologico202454587\/t-746-00\/\" class=\"_self pt-cv-readmore btn btn-success\" target=\"_self\">Ver Sentencia Completa...<\/a><\/div><\/div><\/div><\/div>\n<div class=\"col-md-12 col-sm-12 col-xs-12 pt-cv-content-item pt-cv-1-col\" ><div class='pt-cv-ifield'><a href=\"https:\/\/www.dmsjuridica.com\/buscador_20179478954\/corteconstitucionalcronologico202454587\/t-745-00\/\" class=\"_self pt-cv-href-thumbnail pt-cv-thumb-default\" target=\"_self\" ><\/a>\n<div class=\"pt-cv-taxoterm above_title\"><a href='https:\/\/www.dmsjuridica.com\/buscador_20179478954\/corteconstitucionalcronologico202454587\/category\/buscar-en-toda-la-corte\/2000\/tutelas-2000\/' title='Tutelas 2000' class='pt-cv-tax-tutelas-2000'>Tutelas 2000<\/a><\/div>\n<h4 class=\"pt-cv-title\"><a href=\"https:\/\/www.dmsjuridica.com\/buscador_20179478954\/corteconstitucionalcronologico202454587\/t-745-00\/\" class=\"_self\" target=\"_self\" >T-745-00<\/a><\/h4>\n<div class=\"pt-cv-content\">\u00a0 \u00a0 Sentencia T-745\/00 \u00a0 ACCION DE TUTELA-Procedencia excepcional pago de acreencias laborales\/DERECHO AL MINIMO VITAL DEL TRABAJADOR-Pago oportuno de salarios \u00a0 DERECHO AL PAGO OPORTUNO DEL SALARIO-Fundamental \u00a0 EMPLEADOR-Falta de presupuesto o insolvencia para pago oportuno de salarios no es raz\u00f3n suficiente \u00a0 EMPLEADOR-Responsabilidad por mora en aportes en salud \u00a0 Reiteraci\u00f3n de Jurisprudencia \u00a0 Referencia: expediente T-290150 \u00a0 Acci\u00f3n de tutela instaurada por Martha G\u00f3mez Torres contra la empresa Jackson Fashion\u00b4s Setton &amp; Setton Ltda. \u00a0 Magistrado Ponente: \u00a0 Dr. ALEJANDRO MART\u00cdNEZ CABALLERO \u00a0 Santa Fe de Bogot\u00e1, D.C., a los veintid\u00f3s (22) d\u00edas del mes de junio ...<br \/><div class=\"pt-cv-rmwrap\"><a href=\"https:\/\/www.dmsjuridica.com\/buscador_20179478954\/corteconstitucionalcronologico202454587\/t-745-00\/\" class=\"_self pt-cv-readmore btn btn-success\" target=\"_self\">Ver Sentencia Completa...<\/a><\/div><\/div><\/div><\/div>\n<div class=\"col-md-12 col-sm-12 col-xs-12 pt-cv-content-item pt-cv-1-col\" ><div class='pt-cv-ifield'><a href=\"https:\/\/www.dmsjuridica.com\/buscador_20179478954\/corteconstitucionalcronologico202454587\/t-744-00\/\" class=\"_self pt-cv-href-thumbnail pt-cv-thumb-default\" target=\"_self\" ><\/a>\n<div class=\"pt-cv-taxoterm above_title\"><a href='https:\/\/www.dmsjuridica.com\/buscador_20179478954\/corteconstitucionalcronologico202454587\/category\/buscar-en-toda-la-corte\/2000\/tutelas-2000\/' title='Tutelas 2000' class='pt-cv-tax-tutelas-2000'>Tutelas 2000<\/a><\/div>\n<h4 class=\"pt-cv-title\"><a href=\"https:\/\/www.dmsjuridica.com\/buscador_20179478954\/corteconstitucionalcronologico202454587\/t-744-00\/\" class=\"_self\" target=\"_self\" >T-744-00<\/a><\/h4>\n<div class=\"pt-cv-content\">\u00a0 \u00a0 Sentencia T-744\/00 \u00a0 ACCION DE TUTELA-Procedencia excepcional pago de acreencias laborales\/DERECHO AL MINIMO VITAL DEL TRABAJADOR-Pago oportuno de salarios \u00a0 DERECHO AL TRABAJO EN CONDICIONES DIGNAS Y JUSTAS-Pago oportuno salarios de educadores\/PARTIDA PRESUPUESTAL-Gesti\u00f3n y distribuci\u00f3n para pago oportuno de salarios \u00a0 Reiteraci\u00f3n de Jurisprudencia \u00a0 Referencia: expediente T-290024 \u00a0 Acci\u00f3n de tutela instaurada por Jorge Alfonso Camargo Rosado y otros contra el \u00a0Alcalde Municipal de Arauca \u00a0 Magistrado Ponente: \u00a0 Santa Fe de Bogot\u00e1 D.C., a los veintid\u00f3s (22) d\u00edas del mes de junio de dos mil (2000). \u00a0 La Sala Sexta de Revisi\u00f3n de la Corte Constitucional, ...<br \/><div class=\"pt-cv-rmwrap\"><a href=\"https:\/\/www.dmsjuridica.com\/buscador_20179478954\/corteconstitucionalcronologico202454587\/t-744-00\/\" class=\"_self pt-cv-readmore btn btn-success\" target=\"_self\">Ver Sentencia Completa...<\/a><\/div><\/div><\/div><\/div>\n<div class=\"col-md-12 col-sm-12 col-xs-12 pt-cv-content-item pt-cv-1-col\" ><div class='pt-cv-ifield'><a href=\"https:\/\/www.dmsjuridica.com\/buscador_20179478954\/corteconstitucionalcronologico202454587\/t-743-00\/\" class=\"_self pt-cv-href-thumbnail pt-cv-thumb-default\" target=\"_self\" ><\/a>\n<div class=\"pt-cv-taxoterm above_title\"><a href='https:\/\/www.dmsjuridica.com\/buscador_20179478954\/corteconstitucionalcronologico202454587\/category\/buscar-en-toda-la-corte\/2000\/tutelas-2000\/' title='Tutelas 2000' class='pt-cv-tax-tutelas-2000'>Tutelas 2000<\/a><\/div>\n<h4 class=\"pt-cv-title\"><a href=\"https:\/\/www.dmsjuridica.com\/buscador_20179478954\/corteconstitucionalcronologico202454587\/t-743-00\/\" class=\"_self\" target=\"_self\" >T-743-00<\/a><\/h4>\n<div class=\"pt-cv-content\">\u00a0 \u00a0 Sentencia T-743\/00 \u00a0 ACCION DE TUTELA-Procedencia excepcional pago de acreencias laborales \u00a0 ESTABLECIMIENTO HOSPITALARIO-Situaci\u00f3n econ\u00f3mica o presupuestal no es \u00f3bice para desconocer obligaciones laborales\/ESTABLECIMIENTO HOSPITALARIO-Pago de acreencias laborales \u00a0 Reiteraci\u00f3n de Jurisprudencia \u00a0 Referencia: expediente T-289724 \u00a0 Acci\u00f3n de tutela instaurada por Olga Marina Hern\u00e1ndez de Pinto contra el Hospital Infantil Universitario Lorencita Villegas de Santos \u00a0 Magistrado Ponente: \u00a0 Dr. ALEJANDRO MART\u00cdNEZ CABALLERO \u00a0 Santa Fe de Bogot\u00e1 D.C., a los veintid\u00f3s (22) d\u00edas del mes de junio de dos mil (2000). \u00a0 La Sala Sexta de Revisi\u00f3n de la Corte Constitucional, en ejercicio de sus competencias ...<br \/><div class=\"pt-cv-rmwrap\"><a href=\"https:\/\/www.dmsjuridica.com\/buscador_20179478954\/corteconstitucionalcronologico202454587\/t-743-00\/\" class=\"_self pt-cv-readmore btn btn-success\" target=\"_self\">Ver Sentencia Completa...<\/a><\/div><\/div><\/div><\/div>\n<div class=\"col-md-12 col-sm-12 col-xs-12 pt-cv-content-item pt-cv-1-col\" ><div class='pt-cv-ifield'><a href=\"https:\/\/www.dmsjuridica.com\/buscador_20179478954\/corteconstitucionalcronologico202454587\/t-742-00\/\" class=\"_self pt-cv-href-thumbnail pt-cv-thumb-default\" target=\"_self\" ><\/a>\n<div class=\"pt-cv-taxoterm above_title\"><a href='https:\/\/www.dmsjuridica.com\/buscador_20179478954\/corteconstitucionalcronologico202454587\/category\/buscar-en-toda-la-corte\/2000\/tutelas-2000\/' title='Tutelas 2000' class='pt-cv-tax-tutelas-2000'>Tutelas 2000<\/a><\/div>\n<h4 class=\"pt-cv-title\"><a href=\"https:\/\/www.dmsjuridica.com\/buscador_20179478954\/corteconstitucionalcronologico202454587\/t-742-00\/\" class=\"_self\" target=\"_self\" >T-742-00<\/a><\/h4>\n<div class=\"pt-cv-content\">\u00a0 \u00a0 Sentencia T-742\/00 \u00a0 SUBSIDIO FAMILIAR-Naturaleza \u00a0 DERECHO AL SUBSIDIO FAMILIAR DEL NI\u00d1O-Protecci\u00f3n por tutela \u00a0 Referencia: expedientes T-279773, T-288837, T-309277, 283219 y T-316473 \u00a0 Acciones de tutela incoadas por Gonzalo Henao G\u00f3mez, Mar\u00eda Victoria Restrepo Lora, Mar\u00eda Filomena Garc\u00eda, Nancy Ruiz Carrillo y Cesar Enrique Jim\u00e9nez de La Hoz contra Empresas Textiles Rionegro y C\u00eda. Ltda., Municipio de Itag\u00fci, Mineros Unidos Ltda. Amag\u00e1 y Hospital Malambo Santa Mar\u00eda Magdalena, Hospital de Ponedera y Comfamiliar \u00a0 Magistrado Ponente: \u00a0 Dr. JOS\u00c9 GREGORIO HERN\u00c1NDEZ GALINDO \u00a0 Santa Fe de Bogot\u00e1, D.C., veintid\u00f3s (22) de junio de dos mil (2000). \u00a0 ...<br \/><div class=\"pt-cv-rmwrap\"><a href=\"https:\/\/www.dmsjuridica.com\/buscador_20179478954\/corteconstitucionalcronologico202454587\/t-742-00\/\" class=\"_self pt-cv-readmore btn btn-success\" target=\"_self\">Ver Sentencia Completa...<\/a><\/div><\/div><\/div><\/div>\n<div class=\"col-md-12 col-sm-12 col-xs-12 pt-cv-content-item pt-cv-1-col\" ><div class='pt-cv-ifield'><a href=\"https:\/\/www.dmsjuridica.com\/buscador_20179478954\/corteconstitucionalcronologico202454587\/t-741-00\/\" class=\"_self pt-cv-href-thumbnail pt-cv-thumb-default\" target=\"_self\" ><\/a>\n<div class=\"pt-cv-taxoterm above_title\"><a href='https:\/\/www.dmsjuridica.com\/buscador_20179478954\/corteconstitucionalcronologico202454587\/category\/buscar-en-toda-la-corte\/2000\/tutelas-2000\/' title='Tutelas 2000' class='pt-cv-tax-tutelas-2000'>Tutelas 2000<\/a><\/div>\n<h4 class=\"pt-cv-title\"><a href=\"https:\/\/www.dmsjuridica.com\/buscador_20179478954\/corteconstitucionalcronologico202454587\/t-741-00\/\" class=\"_self\" target=\"_self\" >T-741-00<\/a><\/h4>\n<div class=\"pt-cv-content\">\u00a0 \u00a0 Sentencia T-741\/00 \u00a0 PRINCIPIO NO REFORMATIO IN PEJUS-Alcance \u00a0 PRINCIPIO DE CONGRUENCIA-Finalidad\/PRINCIPIO NO REFORMATIO IN PEJUS-Competencia restringida del ad quem \u00a0 GARANTIA DE PROHIBICION DE LA REFORMATIO IN PEJUS-Doctrina constitucional vinculante \u00a0 La interpretaci\u00f3n que en ella se hace sobre la garant\u00eda de la prohibici\u00f3n de la reformatio in pejus constituye doctrina constitucional vinculante, la que se explica en el siguiente sentido: \u201cb. La doctrina constitucional. Las normas de la Constituci\u00f3n pol\u00edtica, y \u00e9sta no es una caracter\u00edstica privativa de ellas, tienen una vocaci\u00f3n irrevocable hacia la individualizaci\u00f3n, tal como lo ha subrayado Kelsen al tratar del ordenamiento ...<br \/><div class=\"pt-cv-rmwrap\"><a href=\"https:\/\/www.dmsjuridica.com\/buscador_20179478954\/corteconstitucionalcronologico202454587\/t-741-00\/\" class=\"_self pt-cv-readmore btn btn-success\" target=\"_self\">Ver Sentencia Completa...<\/a><\/div><\/div><\/div><\/div>\n<div class=\"col-md-12 col-sm-12 col-xs-12 pt-cv-content-item pt-cv-1-col\" ><div class='pt-cv-ifield'><a href=\"https:\/\/www.dmsjuridica.com\/buscador_20179478954\/corteconstitucionalcronologico202454587\/t-724-00\/\" class=\"_self pt-cv-href-thumbnail pt-cv-thumb-default\" target=\"_self\" ><\/a>\n<div class=\"pt-cv-taxoterm above_title\"><a href='https:\/\/www.dmsjuridica.com\/buscador_20179478954\/corteconstitucionalcronologico202454587\/category\/buscar-en-toda-la-corte\/2000\/tutelas-2000\/' title='Tutelas 2000' class='pt-cv-tax-tutelas-2000'>Tutelas 2000<\/a><\/div>\n<h4 class=\"pt-cv-title\"><a href=\"https:\/\/www.dmsjuridica.com\/buscador_20179478954\/corteconstitucionalcronologico202454587\/t-724-00\/\" class=\"_self\" target=\"_self\" >T-724-00<\/a><\/h4>\n<div class=\"pt-cv-content\">\u00a0 \u00a0 Sentencia T-724\/00 \u00a0 DERECHO AL MINIMO VITAL DEL TRABAJADOR-Presunci\u00f3n de afectaci\u00f3n por ausencia prolongada en pago de salarios \u00a0 DERECHO AL MINIMO VITAL DEL TRABAJADOR-No afectaci\u00f3n por no pago de primas complementarias de salario a educadores \u00a0 Referencia: expedientes T-289499, T-289669, T-290064, T-290069,T- 290732 y T- 291438. \u00a0 Accionantes: Aixa Sevigne Murillo Mosquera, Nora Amanda Rivas Duque, Luis Fernando Benitez Garc\u00eda, Ismenia Carvajal P\u00e9rez, Oliva In\u00e9s Montoya de Villegas y Luz Elena Quintero Quintero y otra. \u00a0 Magistrado Ponente: \u00a0 Dr. ANTONIO BARRERA CARBONELL \u00a0 Santaf\u00e9 de Bogot\u00e1, D.C., junio veinte (20) de dos mil (2000). \u00a0 La ...<br \/><div class=\"pt-cv-rmwrap\"><a href=\"https:\/\/www.dmsjuridica.com\/buscador_20179478954\/corteconstitucionalcronologico202454587\/t-724-00\/\" class=\"_self pt-cv-readmore btn btn-success\" target=\"_self\">Ver Sentencia Completa...<\/a><\/div><\/div><\/div><\/div>\n<div class=\"col-md-12 col-sm-12 col-xs-12 pt-cv-content-item pt-cv-1-col\" ><div class='pt-cv-ifield'><a href=\"https:\/\/www.dmsjuridica.com\/buscador_20179478954\/corteconstitucionalcronologico202454587\/t-723-00\/\" class=\"_self pt-cv-href-thumbnail pt-cv-thumb-default\" target=\"_self\" ><\/a>\n<div class=\"pt-cv-taxoterm above_title\"><a href='https:\/\/www.dmsjuridica.com\/buscador_20179478954\/corteconstitucionalcronologico202454587\/category\/buscar-en-toda-la-corte\/2000\/tutelas-2000\/' title='Tutelas 2000' class='pt-cv-tax-tutelas-2000'>Tutelas 2000<\/a><\/div>\n<h4 class=\"pt-cv-title\"><a href=\"https:\/\/www.dmsjuridica.com\/buscador_20179478954\/corteconstitucionalcronologico202454587\/t-723-00\/\" class=\"_self\" target=\"_self\" >T-723-00<\/a><\/h4>\n<div class=\"pt-cv-content\">\u00a0 \u00a0 Sentencia T-723\/00 \u00a0 DERECHO A LA SALUD-Fundamental por conexidad con la vida \u00a0 SISBEN-Reglas para carnetizaci\u00f3n\/PREVALENCIA DEL DERECHO SUSTANCIAL\/DERECHO A LA VIDA-Protecci\u00f3n \u00a0 Si bien es cierto existen unas reglas para la carnetizaci\u00f3n del r\u00e9gimen subsidiado, es necesario hacer efectivo el principio de prevalencia del derecho sustancial consagrado en el art\u00edculo 228 de la Constituci\u00f3n, y proteger el derecho a la vida que se encuentra claramente amenazado en el caso sub lite, objetivo constitucional de primer orden que prevalece sobre las formalidades y reglamentaciones que pudieren existir, aplicando los preceptos superiores e inaplicando en el caso los inferiores ...<br \/><div class=\"pt-cv-rmwrap\"><a href=\"https:\/\/www.dmsjuridica.com\/buscador_20179478954\/corteconstitucionalcronologico202454587\/t-723-00\/\" class=\"_self pt-cv-readmore btn btn-success\" target=\"_self\">Ver Sentencia Completa...<\/a><\/div><\/div><\/div><\/div>\n<div class=\"col-md-12 col-sm-12 col-xs-12 pt-cv-content-item pt-cv-1-col\" ><div class='pt-cv-ifield'><a href=\"https:\/\/www.dmsjuridica.com\/buscador_20179478954\/corteconstitucionalcronologico202454587\/t-721-00\/\" class=\"_self pt-cv-href-thumbnail pt-cv-thumb-default\" target=\"_self\" ><\/a>\n<div class=\"pt-cv-taxoterm above_title\"><a href='https:\/\/www.dmsjuridica.com\/buscador_20179478954\/corteconstitucionalcronologico202454587\/category\/buscar-en-toda-la-corte\/2000\/tutelas-2000\/' title='Tutelas 2000' class='pt-cv-tax-tutelas-2000'>Tutelas 2000<\/a><\/div>\n<h4 class=\"pt-cv-title\"><a href=\"https:\/\/www.dmsjuridica.com\/buscador_20179478954\/corteconstitucionalcronologico202454587\/t-721-00\/\" class=\"_self\" target=\"_self\" >T-721-00<\/a><\/h4>\n<div class=\"pt-cv-content\">\u00a0 \u00a0 Sentencia T-721\/00 \u00a0 ACCION DE TUTELA-Procedencia excepcional pago de acreencias laborales \u00a0 DERECHO AL MINIMO VITAL-Alcance\/DERECHO AL MINIMO VITAL DEL TRABAJADOR-Pago oportuno de salarios \u00a0 PARTIDA PRESUPUESTAL-Gesti\u00f3n y distribuci\u00f3n para pago oportuno de salarios \u00a0 Reiteraci\u00f3n de Jurisprudencia \u00a0 Referencia: expedientes T-271477 y T-285205. \u00a0 Acci\u00f3n de tutela instaurada por Elizabeth Camacho Valencia y Aurora Angulo Angulo contra la Alcald\u00eda Municipal de Buenaventura, Valle del Cauca. \u00a0 Magistrado Ponente: \u00a0 Dr. ALVARO TAFUR GALVIS \u00a0 Aprobada en Santa Fe de Bogot\u00e1 D.C., a los diecis\u00e9is (16) d\u00edas del mes junio de dos mil (2000). \u00a0 La Sala Novena ...<br \/><div class=\"pt-cv-rmwrap\"><a href=\"https:\/\/www.dmsjuridica.com\/buscador_20179478954\/corteconstitucionalcronologico202454587\/t-721-00\/\" class=\"_self pt-cv-readmore btn btn-success\" target=\"_self\">Ver Sentencia Completa...<\/a><\/div><\/div><\/div><\/div>\n<div class=\"col-md-12 col-sm-12 col-xs-12 pt-cv-content-item pt-cv-1-col\" ><div class='pt-cv-ifield'><a href=\"https:\/\/www.dmsjuridica.com\/buscador_20179478954\/corteconstitucionalcronologico202454587\/t-720-00\/\" class=\"_self pt-cv-href-thumbnail pt-cv-thumb-default\" target=\"_self\" ><\/a>\n<div class=\"pt-cv-taxoterm above_title\"><a href='https:\/\/www.dmsjuridica.com\/buscador_20179478954\/corteconstitucionalcronologico202454587\/category\/buscar-en-toda-la-corte\/2000\/tutelas-2000\/' title='Tutelas 2000' class='pt-cv-tax-tutelas-2000'>Tutelas 2000<\/a><\/div>\n<h4 class=\"pt-cv-title\"><a href=\"https:\/\/www.dmsjuridica.com\/buscador_20179478954\/corteconstitucionalcronologico202454587\/t-720-00\/\" class=\"_self\" target=\"_self\" >T-720-00<\/a><\/h4>\n<div class=\"pt-cv-content\">\u00a0 \u00a0 Sentencia T-720\/00 \u00a0 ACCION DE TUTELA-Procedencia excepcional pago de acreencias laborales \u00a0 DERECHO AL MINIMO VITAL DEL TRABAJADOR-Pago oportuno de salarios \u00a0 DERECHO AL PAGO OPORTUNO DEL SALARIO-Fundamental \u00a0 ESTABLECIMIENTO HOSPITALARIO-Situaci\u00f3n econ\u00f3mica o presupuestal no es \u00f3bice para desconocer obligaciones laborales \u00a0 Reiteraci\u00f3n de Jurisprudencia \u00a0 Referencia: expedientes T-283487, T-283668 y T-283952. \u00a0 Acci\u00f3n de tutela instaurada por Luz Marina Enciso Buitrago, Gloria Eugenia Ospina Garc\u00eda y Jes\u00fas Arnulfo Ospitia Vel\u00e1squez contra el Hospital Federico Lleras Acosta de Ibagu\u00e9. \u00a0 Magistrado Ponente: \u00a0 Dr. ALVARO TAFUR GALVIS \u00a0 Santa Fe de Bogot\u00e1 D.C., a los diecis\u00e9is (16) d\u00edas ...<br \/><div class=\"pt-cv-rmwrap\"><a href=\"https:\/\/www.dmsjuridica.com\/buscador_20179478954\/corteconstitucionalcronologico202454587\/t-720-00\/\" class=\"_self pt-cv-readmore btn btn-success\" target=\"_self\">Ver Sentencia Completa...<\/a><\/div><\/div><\/div><\/div>\n<div class=\"col-md-12 col-sm-12 col-xs-12 pt-cv-content-item pt-cv-1-col\" ><div class='pt-cv-ifield'><a href=\"https:\/\/www.dmsjuridica.com\/buscador_20179478954\/corteconstitucionalcronologico202454587\/t-719-00\/\" class=\"_self pt-cv-href-thumbnail pt-cv-thumb-default\" target=\"_self\" ><\/a>\n<div class=\"pt-cv-taxoterm above_title\"><a href='https:\/\/www.dmsjuridica.com\/buscador_20179478954\/corteconstitucionalcronologico202454587\/category\/buscar-en-toda-la-corte\/2000\/tutelas-2000\/' title='Tutelas 2000' class='pt-cv-tax-tutelas-2000'>Tutelas 2000<\/a><\/div>\n<h4 class=\"pt-cv-title\"><a href=\"https:\/\/www.dmsjuridica.com\/buscador_20179478954\/corteconstitucionalcronologico202454587\/t-719-00\/\" class=\"_self\" target=\"_self\" >T-719-00<\/a><\/h4>\n<div class=\"pt-cv-content\">\u00a0 \u00a0 Sentencia T-719\/00 \u00a0 DERECHO AL MINIMO VITAL DE PERSONA DE LA TERCERA EDAD-Pago oportuno de mesadas pensionales \u00a0 DERECHO A LA PENSION DE JUBILACION-Situaci\u00f3n econ\u00f3mica de la empresa no impide pago oportuno de mesadas \u00a0 ACCION DE TUTELA-Procedencia excepcional pago de acreencias laborales \u00a0 Reiteraci\u00f3n de Jurisprudencia \u00a0 Referencia: expedientes T-271303, T-288855 y T-289032. \u00a0 Acciones de tutela instauradas por Syra Garc\u00eda Vda de Milanes, Aida Buelvas de Tobinson y Elisa Luna Herazo contra la Gobernaci\u00f3n del Departamento de Bol\u00edvar. \u00a0 Magistrado Ponente: \u00a0 Dr. ALVARO TAFUR GALVIS. \u00a0 Santa Fe de Bogot\u00e1 D.C., a los diecis\u00e9is (16) ...<br \/><div class=\"pt-cv-rmwrap\"><a href=\"https:\/\/www.dmsjuridica.com\/buscador_20179478954\/corteconstitucionalcronologico202454587\/t-719-00\/\" class=\"_self pt-cv-readmore btn btn-success\" target=\"_self\">Ver Sentencia Completa...<\/a><\/div><\/div><\/div><\/div>\n<div class=\"col-md-12 col-sm-12 col-xs-12 pt-cv-content-item pt-cv-1-col\" ><div class='pt-cv-ifield'><a href=\"https:\/\/www.dmsjuridica.com\/buscador_20179478954\/corteconstitucionalcronologico202454587\/t-718-00\/\" class=\"_self pt-cv-href-thumbnail pt-cv-thumb-default\" target=\"_self\" ><\/a>\n<div class=\"pt-cv-taxoterm above_title\"><a href='https:\/\/www.dmsjuridica.com\/buscador_20179478954\/corteconstitucionalcronologico202454587\/category\/buscar-en-toda-la-corte\/2000\/tutelas-2000\/' title='Tutelas 2000' class='pt-cv-tax-tutelas-2000'>Tutelas 2000<\/a><\/div>\n<h4 class=\"pt-cv-title\"><a href=\"https:\/\/www.dmsjuridica.com\/buscador_20179478954\/corteconstitucionalcronologico202454587\/t-718-00\/\" class=\"_self\" target=\"_self\" >T-718-00<\/a><\/h4>\n<div class=\"pt-cv-content\">\u00a0 \u00a0 Sentencia T-718\/00 \u00a0 DERECHO DE PETICION-Resoluci\u00f3n de fondo \u00a0 DERECHO DE PETICION-No tr\u00e1mite oportuno de peticiones \u00a0 Adem\u00e1s de la manifiesta y reiterada tendencia de muchos servidores p\u00fablicos y de no pocas instituciones privadas a no tramitar oportunamente las peticiones que se les formulan, en abierta transgresi\u00f3n del art\u00edculo 23 de la Carta Pol\u00edtica, es protuberante el deseo que algunos empleados demuestran, en el sentido de obstruir el efectivo acceso de las personas a los servicios p\u00fablicos - inclusive los apremiantes e indispensables de la salud y la seguridad social -, lo cual se manifiesta en el establecimiento ...<br \/><div class=\"pt-cv-rmwrap\"><a href=\"https:\/\/www.dmsjuridica.com\/buscador_20179478954\/corteconstitucionalcronologico202454587\/t-718-00\/\" class=\"_self pt-cv-readmore btn btn-success\" target=\"_self\">Ver Sentencia Completa...<\/a><\/div><\/div><\/div><\/div>\n<div class=\"col-md-12 col-sm-12 col-xs-12 pt-cv-content-item pt-cv-1-col\" ><div class='pt-cv-ifield'><a href=\"https:\/\/www.dmsjuridica.com\/buscador_20179478954\/corteconstitucionalcronologico202454587\/t-717-00\/\" class=\"_self pt-cv-href-thumbnail pt-cv-thumb-default\" target=\"_self\" ><\/a>\n<div class=\"pt-cv-taxoterm above_title\"><a href='https:\/\/www.dmsjuridica.com\/buscador_20179478954\/corteconstitucionalcronologico202454587\/category\/buscar-en-toda-la-corte\/2000\/tutelas-2000\/' title='Tutelas 2000' class='pt-cv-tax-tutelas-2000'>Tutelas 2000<\/a><\/div>\n<h4 class=\"pt-cv-title\"><a href=\"https:\/\/www.dmsjuridica.com\/buscador_20179478954\/corteconstitucionalcronologico202454587\/t-717-00\/\" class=\"_self\" target=\"_self\" >T-717-00<\/a><\/h4>\n<div class=\"pt-cv-content\">\u00a0 \u00a0 Sentencia T-717\/00 \u00a0 DERECHO DE PETICION-Pronta resoluci\u00f3n y decisi\u00f3n de fondo \u00a0 Reiteraci\u00f3n de jurisprudencia \u00a0 Referencia: expediente T-287234 \u00a0 Acci\u00f3n de tutela instaurada por Ana Yolanda Tabares de Botello \u00a0contra el Fondo Nacional de Prestaciones Sociales del Magisterio y Fiduciaria la Previsora. \u00a0 Magistrado Ponente: \u00a0 Dr. ALVARO TAFUR GALVIS \u00a0 Santa Fe de Bogot\u00e1, D.C., a los diecis\u00e9is (16) d\u00edas del mes de junio dos mil (2000). \u00a0 La Sala Novena de Revisi\u00f3n de la Corte Constitucional, en ejercicio de sus competencias constitucionales y legales, en especial las previstas en los art\u00edculos 86 y 241-9 de ...<br \/><div class=\"pt-cv-rmwrap\"><a href=\"https:\/\/www.dmsjuridica.com\/buscador_20179478954\/corteconstitucionalcronologico202454587\/t-717-00\/\" class=\"_self pt-cv-readmore btn btn-success\" target=\"_self\">Ver Sentencia Completa...<\/a><\/div><\/div><\/div><\/div>\n<div class=\"col-md-12 col-sm-12 col-xs-12 pt-cv-content-item pt-cv-1-col\" ><div class='pt-cv-ifield'><a href=\"https:\/\/www.dmsjuridica.com\/buscador_20179478954\/corteconstitucionalcronologico202454587\/t-716-00\/\" class=\"_self pt-cv-href-thumbnail pt-cv-thumb-default\" target=\"_self\" ><\/a>\n<div class=\"pt-cv-taxoterm above_title\"><a href='https:\/\/www.dmsjuridica.com\/buscador_20179478954\/corteconstitucionalcronologico202454587\/category\/buscar-en-toda-la-corte\/2000\/tutelas-2000\/' title='Tutelas 2000' class='pt-cv-tax-tutelas-2000'>Tutelas 2000<\/a><\/div>\n<h4 class=\"pt-cv-title\"><a href=\"https:\/\/www.dmsjuridica.com\/buscador_20179478954\/corteconstitucionalcronologico202454587\/t-716-00\/\" class=\"_self\" target=\"_self\" >T-716-00<\/a><\/h4>\n<div class=\"pt-cv-content\">\u00a0 \u00a0 Sentencia T-716\/00 \u00a0 ACCION DE TUTELA-Procedencia excepcional pago de acreencias laborales\/DERECHO AL MINIMO VITAL DEL TRABAJADOR-Pago oportuno de salarios \u00a0 EMPLEADOR-Situaci\u00f3n econ\u00f3mica o presupuestal no exime el pago de acreencias laborales \u00a0 Las dificultades econ\u00f3micas del patrono no lo eximen de sus compromisos laborales con las personas que s\u00ed cumplen con su trabajo, y cuyos pagos de salarios y prestaciones tienen prioridad sobre todos los dem\u00e1s pasivos de la entidad o empresa para la cual laboran, encu\u00e9ntrense o no en liquidaci\u00f3n. As\u00ed pues, no pueden aceptarse como argumentos \u00a0para el no pago de salarios, las razones expuestas por ...<br \/><div class=\"pt-cv-rmwrap\"><a href=\"https:\/\/www.dmsjuridica.com\/buscador_20179478954\/corteconstitucionalcronologico202454587\/t-716-00\/\" class=\"_self pt-cv-readmore btn btn-success\" target=\"_self\">Ver Sentencia Completa...<\/a><\/div><\/div><\/div><\/div>\n<div class=\"col-md-12 col-sm-12 col-xs-12 pt-cv-content-item pt-cv-1-col\" ><div class='pt-cv-ifield'><a href=\"https:\/\/www.dmsjuridica.com\/buscador_20179478954\/corteconstitucionalcronologico202454587\/t-715-00\/\" class=\"_self pt-cv-href-thumbnail pt-cv-thumb-default\" target=\"_self\" ><\/a>\n<div class=\"pt-cv-taxoterm above_title\"><a href='https:\/\/www.dmsjuridica.com\/buscador_20179478954\/corteconstitucionalcronologico202454587\/category\/buscar-en-toda-la-corte\/2000\/tutelas-2000\/' title='Tutelas 2000' class='pt-cv-tax-tutelas-2000'>Tutelas 2000<\/a><\/div>\n<h4 class=\"pt-cv-title\"><a href=\"https:\/\/www.dmsjuridica.com\/buscador_20179478954\/corteconstitucionalcronologico202454587\/t-715-00\/\" class=\"_self\" target=\"_self\" >T-715-00<\/a><\/h4>\n<div class=\"pt-cv-content\">\u00a0 \u00a0 Sentencia T-715\/00 \u00a0 EMPLEADOR-No pago de aportes\/ENTIDAD PROMOTORA DE SALUD-Interrupci\u00f3n de servicios\/EMPLEADOR-Asunci\u00f3n de responsabilidad por no pago de aportes \u00a0 Reiteraci\u00f3n de jurisprudencia \u00a0 Referencia: expediente T-283309 \u00a0 Acci\u00f3n de tutela incoada por Gilberto Ram\u00edrez contra el Instituto de Seguro Social, Seccional Valle. \u00a0 Magistrado Ponente: \u00a0 Dr. ALVARO TAFUR GALVIS \u00a0 Santa Fe de Bogot\u00e1, D.C., a los diecis\u00e9is (16) d\u00edas del mes de junio dos mil (2000). \u00a0 La Sala Novena de Revisi\u00f3n de la Corte Constitucional, en ejercicio de sus competencias constitucionales y legales, espec\u00edficamente las previstas en los art\u00edculos 86 y 241, numeral 9, ...<br \/><div class=\"pt-cv-rmwrap\"><a href=\"https:\/\/www.dmsjuridica.com\/buscador_20179478954\/corteconstitucionalcronologico202454587\/t-715-00\/\" class=\"_self pt-cv-readmore btn btn-success\" target=\"_self\">Ver Sentencia Completa...<\/a><\/div><\/div><\/div><\/div>\n<div class=\"col-md-12 col-sm-12 col-xs-12 pt-cv-content-item pt-cv-1-col\" ><div class='pt-cv-ifield'><a href=\"https:\/\/www.dmsjuridica.com\/buscador_20179478954\/corteconstitucionalcronologico202454587\/t-714-00\/\" class=\"_self pt-cv-href-thumbnail pt-cv-thumb-default\" target=\"_self\" ><\/a>\n<div class=\"pt-cv-taxoterm above_title\"><a href='https:\/\/www.dmsjuridica.com\/buscador_20179478954\/corteconstitucionalcronologico202454587\/category\/buscar-en-toda-la-corte\/2000\/tutelas-2000\/' title='Tutelas 2000' class='pt-cv-tax-tutelas-2000'>Tutelas 2000<\/a><\/div>\n<h4 class=\"pt-cv-title\"><a href=\"https:\/\/www.dmsjuridica.com\/buscador_20179478954\/corteconstitucionalcronologico202454587\/t-714-00\/\" class=\"_self\" target=\"_self\" >T-714-00<\/a><\/h4>\n<div class=\"pt-cv-content\">\u00a0 \u00a0 Sentencia T-714\/00 \u00a0 ACCION DE TUTELA-Procedencia excepcional pago de acreencias laborales \u00a0 PENSION DE INVALIDEZ-Pago\/ACCION DE TUTELA-Procedencia para el pago de pensi\u00f3n de invalidez debidamente reconocida y no cancelada \u00a0 Reiteraci\u00f3n de Jurisprudencia \u00a0 Referencia: expediente T-283428 \u00a0 Acci\u00f3n de tutela instaurada por Rosa Elena Garc\u00eda Salas contra \u00a0la Caja de Previsi\u00f3n Social, Cajanal. \u00a0 Magistrado Ponente: \u00a0 Dr. ALVARO TAFUR GALVIS \u00a0 Santaf\u00e9 de Bogot\u00e1, D.C., a los diecis\u00e9is (16) d\u00edas del mes de junio de dos mil (2000). \u00a0 La Sala Novena de Revisi\u00f3n de la Corte Constitucional, en ejercicio de sus competencias constitucionales y legales, ...<br \/><div class=\"pt-cv-rmwrap\"><a href=\"https:\/\/www.dmsjuridica.com\/buscador_20179478954\/corteconstitucionalcronologico202454587\/t-714-00\/\" class=\"_self pt-cv-readmore btn btn-success\" target=\"_self\">Ver Sentencia Completa...<\/a><\/div><\/div><\/div><\/div>\n<div class=\"col-md-12 col-sm-12 col-xs-12 pt-cv-content-item pt-cv-1-col\" ><div class='pt-cv-ifield'><a href=\"https:\/\/www.dmsjuridica.com\/buscador_20179478954\/corteconstitucionalcronologico202454587\/t-713-00\/\" class=\"_self pt-cv-href-thumbnail pt-cv-thumb-default\" target=\"_self\" ><\/a>\n<div class=\"pt-cv-taxoterm above_title\"><a href='https:\/\/www.dmsjuridica.com\/buscador_20179478954\/corteconstitucionalcronologico202454587\/category\/buscar-en-toda-la-corte\/2000\/tutelas-2000\/' title='Tutelas 2000' class='pt-cv-tax-tutelas-2000'>Tutelas 2000<\/a><\/div>\n<h4 class=\"pt-cv-title\"><a href=\"https:\/\/www.dmsjuridica.com\/buscador_20179478954\/corteconstitucionalcronologico202454587\/t-713-00\/\" class=\"_self\" target=\"_self\" >T-713-00<\/a><\/h4>\n<div class=\"pt-cv-content\">\u00a0 \u00a0 Sentencia T-713\/00 \u00a0 ACCION DE TUTELA-Improcedencia general pago de acreencias laborales \u00a0 DERECHO AL MINIMO VITAL DEL TRABAJADOR-Alcance \u00a0 DERECHO AL TRABAJO EN CONDICIONES DIGNAS Y JUSTAS-Pago oportuno de salarios \u00a0 EMPLEADOR-Falta de presupuesto o insolvencia para pago oportuno de salarios no es raz\u00f3n suficiente \u00a0 ACCION DE TUTELA-Procedencia excepcional pago de acreencias laborales \u00a0 DERECHO AL MINIMO VITAL DEL TRABAJADOR-Pago oportuno de salarios \u00a0 Reiteraci\u00f3n de jurisprudencia \u00a0 Referencia: expediente T-283967 \u00a0 Acci\u00f3n de tutela incoada por Sandra Yamile Salazar V\u00e1squez contra el Colegio Santo Tom\u00e1s de Aquino de la ciudad de Popay\u00e1n. \u00a0 Magistrado Ponente: \u00a0 ...<br \/><div class=\"pt-cv-rmwrap\"><a href=\"https:\/\/www.dmsjuridica.com\/buscador_20179478954\/corteconstitucionalcronologico202454587\/t-713-00\/\" class=\"_self pt-cv-readmore btn btn-success\" target=\"_self\">Ver Sentencia Completa...<\/a><\/div><\/div><\/div><\/div>\n<div class=\"col-md-12 col-sm-12 col-xs-12 pt-cv-content-item pt-cv-1-col\" ><div class='pt-cv-ifield'><a href=\"https:\/\/www.dmsjuridica.com\/buscador_20179478954\/corteconstitucionalcronologico202454587\/t-712-00\/\" class=\"_self pt-cv-href-thumbnail pt-cv-thumb-default\" target=\"_self\" ><\/a>\n<div class=\"pt-cv-taxoterm above_title\"><a href='https:\/\/www.dmsjuridica.com\/buscador_20179478954\/corteconstitucionalcronologico202454587\/category\/buscar-en-toda-la-corte\/2000\/tutelas-2000\/' title='Tutelas 2000' class='pt-cv-tax-tutelas-2000'>Tutelas 2000<\/a><\/div>\n<h4 class=\"pt-cv-title\"><a href=\"https:\/\/www.dmsjuridica.com\/buscador_20179478954\/corteconstitucionalcronologico202454587\/t-712-00\/\" class=\"_self\" target=\"_self\" >T-712-00<\/a><\/h4>\n<div class=\"pt-cv-content\">\u00a0 \u00a0 Sentencia T-712\/00 \u00a0 ACCION DE TUTELA-Procedencia excepcional pago de acreencias laborales\/ACCION DE TUTELA-Improcedencia por no afectaci\u00f3n del m\u00ednimo vital \u00a0 Reiteraci\u00f3n de jurisprudencia \u00a0 Referencia: expediente T-283463 \u00a0 Acci\u00f3n de tutela incoada por Roc\u00edo del Carmen Gonz\u00e1lez Cer\u00f3n, contra el Hospital San Jos\u00e9 de Popay\u00e1n. \u00a0 Magistrado Ponente: \u00a0 Dr. ALVARO TAFUR GALVIS \u00a0 Santa Fe de Bogot\u00e1, D.C., a los diecis\u00e9is (16) d\u00edas del mes de junio dos mil (2000). \u00a0 La Sala Novena de Revisi\u00f3n de la Corte Constitucional, en ejercicio de sus competencias constitucionales y legales, espec\u00edficamente las previstas en los art\u00edculos 86 y 241, ...<br \/><div class=\"pt-cv-rmwrap\"><a href=\"https:\/\/www.dmsjuridica.com\/buscador_20179478954\/corteconstitucionalcronologico202454587\/t-712-00\/\" class=\"_self pt-cv-readmore btn btn-success\" target=\"_self\">Ver Sentencia Completa...<\/a><\/div><\/div><\/div><\/div>\n<div class=\"col-md-12 col-sm-12 col-xs-12 pt-cv-content-item pt-cv-1-col\" ><div class='pt-cv-ifield'><a href=\"https:\/\/www.dmsjuridica.com\/buscador_20179478954\/corteconstitucionalcronologico202454587\/t-711-00\/\" class=\"_self pt-cv-href-thumbnail pt-cv-thumb-default\" target=\"_self\" ><\/a>\n<div class=\"pt-cv-taxoterm above_title\"><a href='https:\/\/www.dmsjuridica.com\/buscador_20179478954\/corteconstitucionalcronologico202454587\/category\/buscar-en-toda-la-corte\/2000\/tutelas-2000\/' title='Tutelas 2000' class='pt-cv-tax-tutelas-2000'>Tutelas 2000<\/a><\/div>\n<h4 class=\"pt-cv-title\"><a href=\"https:\/\/www.dmsjuridica.com\/buscador_20179478954\/corteconstitucionalcronologico202454587\/t-711-00\/\" class=\"_self\" target=\"_self\" >T-711-00<\/a><\/h4>\n<div class=\"pt-cv-content\">\u00a0 \u00a0 Sentencia T-711\/00 \u00a0 DERECHO AL MINIMO VITAL DEL TRABAJADOR-Pago oportuno de salarios \u00a0 EMPLEADOR-Situaci\u00f3n econ\u00f3mica o presupuestal no es \u00f3bice para desconocer obligaciones laborales \u00a0 Reiteraci\u00f3n de jurisprudencia \u00a0 Referencia: expediente T-283735 \u00a0 Acci\u00f3n de tutela instaurada por Yuseth Antonio Orozco Pacheco contra la Empresa \u00a0Asiser. E.S.P. \u00a0 Magistrado Ponente: \u00a0 Dr. ALVARO TAFUR GALVIS \u00a0 Santa Fe de Bogot\u00e1, D.C., a los diecis\u00e9is (16) d\u00edas del mes de junio dos mil (2000). \u00a0 La Sala Novena de Revisi\u00f3n de la Corte Constitucional, en ejercicio de sus competencias constitucionales y legales, en especial las previstas en los art\u00edculos ...<br \/><div class=\"pt-cv-rmwrap\"><a href=\"https:\/\/www.dmsjuridica.com\/buscador_20179478954\/corteconstitucionalcronologico202454587\/t-711-00\/\" class=\"_self pt-cv-readmore btn btn-success\" target=\"_self\">Ver Sentencia Completa...<\/a><\/div><\/div><\/div><\/div>\n<div class=\"col-md-12 col-sm-12 col-xs-12 pt-cv-content-item pt-cv-1-col\" ><div class='pt-cv-ifield'><a href=\"https:\/\/www.dmsjuridica.com\/buscador_20179478954\/corteconstitucionalcronologico202454587\/t-710-00\/\" class=\"_self pt-cv-href-thumbnail pt-cv-thumb-default\" target=\"_self\" ><\/a>\n<div class=\"pt-cv-taxoterm above_title\"><a href='https:\/\/www.dmsjuridica.com\/buscador_20179478954\/corteconstitucionalcronologico202454587\/category\/buscar-en-toda-la-corte\/2000\/tutelas-2000\/' title='Tutelas 2000' class='pt-cv-tax-tutelas-2000'>Tutelas 2000<\/a><\/div>\n<h4 class=\"pt-cv-title\"><a href=\"https:\/\/www.dmsjuridica.com\/buscador_20179478954\/corteconstitucionalcronologico202454587\/t-710-00\/\" class=\"_self\" target=\"_self\" >T-710-00<\/a><\/h4>\n<div class=\"pt-cv-content\">\u00a0 \u00a0 Sentencia T-710\/00 \u00a0 ACCION DE TUTELA CONTRA PARTICULARES-Subordinaci\u00f3n \u00a0 ACCION DE TUTELA-Procedencia excepcional pago de acreencias laborales \u00a0 DERECHO AL PAGO OPORTUNO DEL SALARIO-Fundamental \u00a0 DERECHO A LA SUBSISTENCIA-Retribuci\u00f3n salarial \u00a0 EMPLEADOR-Falta de presupuesto a insolvencia para pago oportuno de salarios no es raz\u00f3n suficiente \u00a0 ACCION DE TUTELA TEMERARIA-Inexistencia por reclamar periodos de salarios diferentes \u00a0 ACCION DE TUTELA-Procedencia excepcional pago de salarios a persona desvinculada por afectaci\u00f3n del m\u00ednimo vital o tratarse de persona de la tercera edad \u00a0 Referencia: expedientes T-273493, T-272435 y T-287238 \u00a0 Acciones de tutela instauradas por Sergio Daniel Ch\u00e1vez Villamil, Orlando ...<br \/><div class=\"pt-cv-rmwrap\"><a href=\"https:\/\/www.dmsjuridica.com\/buscador_20179478954\/corteconstitucionalcronologico202454587\/t-710-00\/\" class=\"_self pt-cv-readmore btn btn-success\" target=\"_self\">Ver Sentencia Completa...<\/a><\/div><\/div><\/div><\/div>\n<div class=\"col-md-12 col-sm-12 col-xs-12 pt-cv-content-item pt-cv-1-col\" ><div class='pt-cv-ifield'><a href=\"https:\/\/www.dmsjuridica.com\/buscador_20179478954\/corteconstitucionalcronologico202454587\/t-709-00\/\" class=\"_self pt-cv-href-thumbnail pt-cv-thumb-default\" target=\"_self\" ><\/a>\n<div class=\"pt-cv-taxoterm above_title\"><a href='https:\/\/www.dmsjuridica.com\/buscador_20179478954\/corteconstitucionalcronologico202454587\/category\/buscar-en-toda-la-corte\/2000\/tutelas-2000\/' title='Tutelas 2000' class='pt-cv-tax-tutelas-2000'>Tutelas 2000<\/a><\/div>\n<h4 class=\"pt-cv-title\"><a href=\"https:\/\/www.dmsjuridica.com\/buscador_20179478954\/corteconstitucionalcronologico202454587\/t-709-00\/\" class=\"_self\" target=\"_self\" >T-709-00<\/a><\/h4>\n<div class=\"pt-cv-content\">\u00a0 \u00a0 Sentencia T-709\/00 \u00a0 DERECHO AL MINIMO VITAL DE PERSONA COLOCADA EN CIRCUNSTANCIAS DE DEBILIDAD MANIFIESTA-Afectaci\u00f3n por congelaci\u00f3n transitoria de recursos de instituci\u00f3n financiera \u00a0 Referencia: expediente T-285433 \u00a0 Acci\u00f3n de tutela instaurada por Neira Offir Salazar Casta\u00f1eda contra el Liquidador de la Cooperativa Financiera COOEMSAVAL. \u00a0 Magistrado Ponente: \u00a0 Dr. ALVARO TAFUR GALVIS\u00a0 \u00a0 Santa Fe de Bogot\u00e1 D.C., a los diecis\u00e9is (16) d\u00edas del mes junio de dos mil (2000). \u00a0 La Sala Novena de Revisi\u00f3n de la Corte Constitucional, en ejercicio de sus competencias constitucionales y legales, espec\u00edficamente las previstas en los art\u00edculos 86 y 241, ...<br \/><div class=\"pt-cv-rmwrap\"><a href=\"https:\/\/www.dmsjuridica.com\/buscador_20179478954\/corteconstitucionalcronologico202454587\/t-709-00\/\" class=\"_self pt-cv-readmore btn btn-success\" target=\"_self\">Ver Sentencia Completa...<\/a><\/div><\/div><\/div><\/div>\n<div class=\"col-md-12 col-sm-12 col-xs-12 pt-cv-content-item pt-cv-1-col\" ><div class='pt-cv-ifield'><a href=\"https:\/\/www.dmsjuridica.com\/buscador_20179478954\/corteconstitucionalcronologico202454587\/t-708-00\/\" class=\"_self pt-cv-href-thumbnail pt-cv-thumb-default\" target=\"_self\" ><\/a>\n<div class=\"pt-cv-taxoterm above_title\"><a href='https:\/\/www.dmsjuridica.com\/buscador_20179478954\/corteconstitucionalcronologico202454587\/category\/buscar-en-toda-la-corte\/2000\/tutelas-2000\/' title='Tutelas 2000' class='pt-cv-tax-tutelas-2000'>Tutelas 2000<\/a><\/div>\n<h4 class=\"pt-cv-title\"><a href=\"https:\/\/www.dmsjuridica.com\/buscador_20179478954\/corteconstitucionalcronologico202454587\/t-708-00\/\" class=\"_self\" target=\"_self\" >T-708-00<\/a><\/h4>\n<div class=\"pt-cv-content\">\u00a0 \u00a0 Sentencia T-708\/00 \u00a0 ACCION DE TUTELA CONTRA PARTICULARES-Subordinaci\u00f3n \u00a0 ACCION DE TUTELA-Procedencia excepcional pago de acreencias laborales\/DERECHO AL MINIMO VITAL DEL TRABAJADOR-Presunci\u00f3n de afectaci\u00f3n por no pago oportuno de salarios \u00a0 DERECHO AL PAGO OPORTUNO DEL SALARIO-Fundamental \u00a0 EMPLEADOR-Falta de presupuesto o insolvencia para pago oportuno de salarios no es raz\u00f3n suficiente \u00a0 EMPLEADOR-Responsabilidad por no afiliaci\u00f3n de trabajadores al sistema general en salud \u00a0 Reiteraci\u00f3n de Jurisprudencia \u00a0 Referencia: expediente T-285220 \u00a0 Acci\u00f3n de tutela instaurada por Pablo Emilio Chaverra Rojas y otros contra la empresa Seguridad HUIGNIC Ltda.\u00a0 \u00a0 Magistrado Ponente: \u00a0 Dr. ALVARO TAFUR GALVIS ...<br \/><div class=\"pt-cv-rmwrap\"><a href=\"https:\/\/www.dmsjuridica.com\/buscador_20179478954\/corteconstitucionalcronologico202454587\/t-708-00\/\" class=\"_self pt-cv-readmore btn btn-success\" target=\"_self\">Ver Sentencia Completa...<\/a><\/div><\/div><\/div><\/div>\n<div class=\"col-md-12 col-sm-12 col-xs-12 pt-cv-content-item pt-cv-1-col\" ><div class='pt-cv-ifield'><a href=\"https:\/\/www.dmsjuridica.com\/buscador_20179478954\/corteconstitucionalcronologico202454587\/t-707-00\/\" class=\"_self pt-cv-href-thumbnail pt-cv-thumb-default\" target=\"_self\" ><\/a>\n<div class=\"pt-cv-taxoterm above_title\"><a href='https:\/\/www.dmsjuridica.com\/buscador_20179478954\/corteconstitucionalcronologico202454587\/category\/buscar-en-toda-la-corte\/2000\/tutelas-2000\/' title='Tutelas 2000' class='pt-cv-tax-tutelas-2000'>Tutelas 2000<\/a><\/div>\n<h4 class=\"pt-cv-title\"><a href=\"https:\/\/www.dmsjuridica.com\/buscador_20179478954\/corteconstitucionalcronologico202454587\/t-707-00\/\" class=\"_self\" target=\"_self\" >T-707-00<\/a><\/h4>\n<div class=\"pt-cv-content\">\u00a0 \u00a0 Sentencia T-707\/00 \u00a0 ACCION DE TUTELA-Procedencia excepcional pago de acreencias laborales\/DERECHO AL MINIMO VITAL DEL TRABAJADOR-Pago oportuno de salarios \u00a0 ESTABLECIMIENTO HOSPITALARIO-Situaci\u00f3n econ\u00f3mica o presupuestal no es \u00f3bice para desconocer obligaciones laborales \u00a0 CONCORDATO PREVENTIVO OBLIGATORIO-Pago preferente de salarios y aportes a seguridad social en salud \u00a0 Reiteraci\u00f3n de jurisprudencia \u00a0 Referencia: expedientes T-271498, T-271504, T-271512, T-278044, T-280061 y T-287022. \u00a0 Acciones de tutela instauradas por Damaris S\u00e1nchez de Arango y otros contra el Hospital San Juan de Dios de Cali. \u00a0 Dr. ALVARO TAFUR GALVIS \u00a0 Santaf\u00e9 de Bogot\u00e1 D.C., a los diecis\u00e9is (16) d\u00edas del mes ...<br \/><div class=\"pt-cv-rmwrap\"><a href=\"https:\/\/www.dmsjuridica.com\/buscador_20179478954\/corteconstitucionalcronologico202454587\/t-707-00\/\" class=\"_self pt-cv-readmore btn btn-success\" target=\"_self\">Ver Sentencia Completa...<\/a><\/div><\/div><\/div><\/div>\n<div class=\"col-md-12 col-sm-12 col-xs-12 pt-cv-content-item pt-cv-1-col\" ><div class='pt-cv-ifield'><a href=\"https:\/\/www.dmsjuridica.com\/buscador_20179478954\/corteconstitucionalcronologico202454587\/t-706-00\/\" class=\"_self pt-cv-href-thumbnail pt-cv-thumb-default\" target=\"_self\" ><\/a>\n<div class=\"pt-cv-taxoterm above_title\"><a href='https:\/\/www.dmsjuridica.com\/buscador_20179478954\/corteconstitucionalcronologico202454587\/category\/buscar-en-toda-la-corte\/2000\/tutelas-2000\/' title='Tutelas 2000' class='pt-cv-tax-tutelas-2000'>Tutelas 2000<\/a><\/div>\n<h4 class=\"pt-cv-title\"><a href=\"https:\/\/www.dmsjuridica.com\/buscador_20179478954\/corteconstitucionalcronologico202454587\/t-706-00\/\" class=\"_self\" target=\"_self\" >T-706-00<\/a><\/h4>\n<div class=\"pt-cv-content\">\u00a0 \u00a0 Sentencia T-706\/00 \u00a0 LICENCIA DE MATERNIDAD-Procedencia excepcional de tutela para el pago \u00a0 PRINCIPIO DE FAVORABILIDAD NORMATIVA EN MATERIA DE LICENCIA DE MATERNIDAD-Pago \u00a0 Referencia: expediente T- 296.611 \u00a0 Magistrado Ponente:\u00a0 \u00a0 Dr. ALEJANDRO MART\u00cdNEZ CABALLERO \u00a0 Santa Fe de Bogot\u00e1, diez y seis (16) de junio de dos mil (2000) \u00a0 La Sala Sexta de Revisi\u00f3n de la Corte Constitucional, en ejercicio de sus competencias constitucionales y legales, ha proferido Sentencia en la acci\u00f3n de tutela interpuesta por Mar\u00eda In\u00e9s Heredia de Trejos contra el Seguro Social \u00a0 I. ANTECEDENTES \u00a0 1. Hechos\u00a0 \u00a0 - Afirma la ...<br \/><div class=\"pt-cv-rmwrap\"><a href=\"https:\/\/www.dmsjuridica.com\/buscador_20179478954\/corteconstitucionalcronologico202454587\/t-706-00\/\" class=\"_self pt-cv-readmore btn btn-success\" target=\"_self\">Ver Sentencia Completa...<\/a><\/div><\/div><\/div><\/div>\n<div class=\"col-md-12 col-sm-12 col-xs-12 pt-cv-content-item pt-cv-1-col\" ><div class='pt-cv-ifield'><a href=\"https:\/\/www.dmsjuridica.com\/buscador_20179478954\/corteconstitucionalcronologico202454587\/t-705-00\/\" class=\"_self pt-cv-href-thumbnail pt-cv-thumb-default\" target=\"_self\" ><\/a>\n<div class=\"pt-cv-taxoterm above_title\"><a href='https:\/\/www.dmsjuridica.com\/buscador_20179478954\/corteconstitucionalcronologico202454587\/category\/buscar-en-toda-la-corte\/2000\/tutelas-2000\/' title='Tutelas 2000' class='pt-cv-tax-tutelas-2000'>Tutelas 2000<\/a><\/div>\n<h4 class=\"pt-cv-title\"><a href=\"https:\/\/www.dmsjuridica.com\/buscador_20179478954\/corteconstitucionalcronologico202454587\/t-705-00\/\" class=\"_self\" target=\"_self\" >T-705-00<\/a><\/h4>\n<div class=\"pt-cv-content\">\u00a0 \u00a0 Sentencia T-705\/00 \u00a0 LICENCIA DE MATERNIDAD-Protecci\u00f3n\/LICENCIA DE MATERNIDAD-Pago oportuno \u00a0 ACCION DE TUTELA-Improcedencia por indebida liquidaci\u00f3n de aporte para pago de licencia de maternidad\/MEDIO DE DEFENSA JUDICIAL-Discrepancia sobre liquidaci\u00f3n de aportes \u00a0 Referencia: expediente T- 292.717 \u00a0 Magistrado Ponente:\u00a0 \u00a0 Dr. ALEJANDRO MART\u00cdNEZ CABALLERO \u00a0 Santa Fe de Bogot\u00e1, diez y seis (16) de junio de dos mil (2000) \u00a0 La Sala Sexta de Revisi\u00f3n de la Corte Constitucional, en ejercicio de sus competencias constitucionales y legales, ha proferido Sentencia en la acci\u00f3n de tutela interpuesta por Nelly Amparo Benavides contra el Seguro Social \u00a0 I. ANTECEDENTES \u00a0 ...<br \/><div class=\"pt-cv-rmwrap\"><a href=\"https:\/\/www.dmsjuridica.com\/buscador_20179478954\/corteconstitucionalcronologico202454587\/t-705-00\/\" class=\"_self pt-cv-readmore btn btn-success\" target=\"_self\">Ver Sentencia Completa...<\/a><\/div><\/div><\/div><\/div>\n<div class=\"col-md-12 col-sm-12 col-xs-12 pt-cv-content-item pt-cv-1-col\" ><div class='pt-cv-ifield'><a href=\"https:\/\/www.dmsjuridica.com\/buscador_20179478954\/corteconstitucionalcronologico202454587\/t-704-00\/\" class=\"_self pt-cv-href-thumbnail pt-cv-thumb-default\" target=\"_self\" ><\/a>\n<div class=\"pt-cv-taxoterm above_title\"><a href='https:\/\/www.dmsjuridica.com\/buscador_20179478954\/corteconstitucionalcronologico202454587\/category\/buscar-en-toda-la-corte\/2000\/tutelas-2000\/' title='Tutelas 2000' class='pt-cv-tax-tutelas-2000'>Tutelas 2000<\/a><\/div>\n<h4 class=\"pt-cv-title\"><a href=\"https:\/\/www.dmsjuridica.com\/buscador_20179478954\/corteconstitucionalcronologico202454587\/t-704-00\/\" class=\"_self\" target=\"_self\" >T-704-00<\/a><\/h4>\n<div class=\"pt-cv-content\">\u00a0 \u00a0 Sentencia T-704\/00 \u00a0 DERECHO A LA SEGURIDAD SOCIAL-Fundamental por conexidad \u00a0 CAJA NACIONAL DE PREVISION-Omisi\u00f3n por no proferir acto de reconocimiento de pensi\u00f3n gracia \u00a0 Es claro que la omisi\u00f3n de la Caja Nacional de Previsi\u00f3n al no proferir el respectivo acto de reconocimiento de pensi\u00f3n, luego de m\u00e1s de un a\u00f1o de haberle sido ordenado hacerlo, se constituye en una conducta que amenaza los derechos fundamentales de la actora. En efecto, la se\u00f1ora cuenta hoy con cincuenta y seis a\u00f1os de edad, luego de haber laborado durante m\u00e1s de 26 a\u00f1os como empleada p\u00fablica del r\u00e9gimen especial, ...<br \/><div class=\"pt-cv-rmwrap\"><a href=\"https:\/\/www.dmsjuridica.com\/buscador_20179478954\/corteconstitucionalcronologico202454587\/t-704-00\/\" class=\"_self pt-cv-readmore btn btn-success\" target=\"_self\">Ver Sentencia Completa...<\/a><\/div><\/div><\/div><\/div>\n<div class=\"col-md-12 col-sm-12 col-xs-12 pt-cv-content-item pt-cv-1-col\" ><div class='pt-cv-ifield'><a href=\"https:\/\/www.dmsjuridica.com\/buscador_20179478954\/corteconstitucionalcronologico202454587\/t-703-00\/\" class=\"_self pt-cv-href-thumbnail pt-cv-thumb-default\" target=\"_self\" ><\/a>\n<div class=\"pt-cv-taxoterm above_title\"><a href='https:\/\/www.dmsjuridica.com\/buscador_20179478954\/corteconstitucionalcronologico202454587\/category\/buscar-en-toda-la-corte\/2000\/tutelas-2000\/' title='Tutelas 2000' class='pt-cv-tax-tutelas-2000'>Tutelas 2000<\/a><\/div>\n<h4 class=\"pt-cv-title\"><a href=\"https:\/\/www.dmsjuridica.com\/buscador_20179478954\/corteconstitucionalcronologico202454587\/t-703-00\/\" class=\"_self\" target=\"_self\" >T-703-00<\/a><\/h4>\n<div class=\"pt-cv-content\">\u00a0 \u00a0 Sentencia T-703\/00 \u00a0 ACCION DE TUTELA-Procedencia excepcional pago de acreencias laborales\/DERECHO AL PAGO OPORTUNO DEL SALARIO-Fundamental \u00a0 DERECHO AL MINIMO VITAL DEL TRABAJADOR-Presunci\u00f3n de afectaci\u00f3n por no pago oportuno de salarios \u00a0 ACCION DE TUTELA-Improcedencia para exigir cumplimiento de acta de compromiso \u00a0 El acta de compromiso que se pretende hacer cumplir, no contiene un acuerdo de voluntades exigible judicialmente, como quiera que tan s\u00f3lo entra\u00f1a propuestas de soluci\u00f3n a la dif\u00edcil situaci\u00f3n econ\u00f3mica y laboral por la que atraviesa el Hospital San Jos\u00e9 de Sevilla. Por ende, el cumplimiento del acta no puede exigirse a trav\u00e9s de ...<br \/><div class=\"pt-cv-rmwrap\"><a href=\"https:\/\/www.dmsjuridica.com\/buscador_20179478954\/corteconstitucionalcronologico202454587\/t-703-00\/\" class=\"_self pt-cv-readmore btn btn-success\" target=\"_self\">Ver Sentencia Completa...<\/a><\/div><\/div><\/div><\/div>\n<div class=\"col-md-12 col-sm-12 col-xs-12 pt-cv-content-item pt-cv-1-col\" ><div class='pt-cv-ifield'><a href=\"https:\/\/www.dmsjuridica.com\/buscador_20179478954\/corteconstitucionalcronologico202454587\/t-702-00\/\" class=\"_self pt-cv-href-thumbnail pt-cv-thumb-default\" target=\"_self\" ><\/a>\n<div class=\"pt-cv-taxoterm above_title\"><a href='https:\/\/www.dmsjuridica.com\/buscador_20179478954\/corteconstitucionalcronologico202454587\/category\/buscar-en-toda-la-corte\/2000\/tutelas-2000\/' title='Tutelas 2000' class='pt-cv-tax-tutelas-2000'>Tutelas 2000<\/a><\/div>\n<h4 class=\"pt-cv-title\"><a href=\"https:\/\/www.dmsjuridica.com\/buscador_20179478954\/corteconstitucionalcronologico202454587\/t-702-00\/\" class=\"_self\" target=\"_self\" >T-702-00<\/a><\/h4>\n<div class=\"pt-cv-content\">\u00a0 \u00a0 Sentencia T-702\/00 \u00a0 ACCION DE TUTELA-Ausencia de pruebas \u00a0 ACCION DE TUTELA-Improcedencia sobre controversias de rango legal \u00a0 El Constituyente consagr\u00f3 la tutela como un mecanismo subsidiario para la protecci\u00f3n de derechos de rango constitucional, raz\u00f3n por la cual no es posible ordenar, a trav\u00e9s de esta acci\u00f3n, el pago de unas sumas de dinero derivadas del da\u00f1o causado con el accidente de trabajo, tales como los costos de la droga o del transporte que utiliza el actor para acudir a sus citas m\u00e9dicas al Seguro Social, puesto que aquello representa una discusi\u00f3n eminentemente legal. Por lo que, ...<br \/><div class=\"pt-cv-rmwrap\"><a href=\"https:\/\/www.dmsjuridica.com\/buscador_20179478954\/corteconstitucionalcronologico202454587\/t-702-00\/\" class=\"_self pt-cv-readmore btn btn-success\" target=\"_self\">Ver Sentencia Completa...<\/a><\/div><\/div><\/div><\/div>\n<div class=\"col-md-12 col-sm-12 col-xs-12 pt-cv-content-item pt-cv-1-col\" ><div class='pt-cv-ifield'><a href=\"https:\/\/www.dmsjuridica.com\/buscador_20179478954\/corteconstitucionalcronologico202454587\/t-701-00\/\" class=\"_self pt-cv-href-thumbnail pt-cv-thumb-default\" target=\"_self\" ><\/a>\n<div class=\"pt-cv-taxoterm above_title\"><a href='https:\/\/www.dmsjuridica.com\/buscador_20179478954\/corteconstitucionalcronologico202454587\/category\/buscar-en-toda-la-corte\/2000\/tutelas-2000\/' title='Tutelas 2000' class='pt-cv-tax-tutelas-2000'>Tutelas 2000<\/a><\/div>\n<h4 class=\"pt-cv-title\"><a href=\"https:\/\/www.dmsjuridica.com\/buscador_20179478954\/corteconstitucionalcronologico202454587\/t-701-00\/\" class=\"_self\" target=\"_self\" >T-701-00<\/a><\/h4>\n<div class=\"pt-cv-content\">\u00a0 \u00a0 Sentencia T-701\/00 \u00a0 DOCTRINA CONSTITUCIONAL SOBRE RESERVA MORAL \u00a0 RESERVA MORAL-Motivaci\u00f3n por retiro del cargo \u00a0 PERJUICIO IRREMEDIABLE EN RETIRO DEL CARGO POR RESERVA MORAL-Procedencia de acci\u00f3n de tutela \u00a0 DERECHO AL BUEN NOMBRE-Vulneraci\u00f3n\/DERECHO A LA HONRA-Vulneraci\u00f3n \u00a0 Para la Corte frente a los derechos al buen nombre y a la honra, su vulneraci\u00f3n genera un perjuicio irremediable desde el instante en que la ofensa es inflingida y sus efectos pueden prolongarse en el tiempo causando un gran da\u00f1o. Aunque su reparaci\u00f3n puede intentarse con el restablecimiento del derecho al trabajo, la protecci\u00f3n efectiva queda sujeta al sentido ...<br \/><div class=\"pt-cv-rmwrap\"><a href=\"https:\/\/www.dmsjuridica.com\/buscador_20179478954\/corteconstitucionalcronologico202454587\/t-701-00\/\" class=\"_self pt-cv-readmore btn btn-success\" target=\"_self\">Ver Sentencia Completa...<\/a><\/div><\/div><\/div><\/div>\n<div class=\"col-md-12 col-sm-12 col-xs-12 pt-cv-content-item pt-cv-1-col\" ><div class='pt-cv-ifield'><a href=\"https:\/\/www.dmsjuridica.com\/buscador_20179478954\/corteconstitucionalcronologico202454587\/t-696-00\/\" class=\"_self pt-cv-href-thumbnail pt-cv-thumb-default\" target=\"_self\" ><\/a>\n<div class=\"pt-cv-taxoterm above_title\"><a href='https:\/\/www.dmsjuridica.com\/buscador_20179478954\/corteconstitucionalcronologico202454587\/category\/buscar-en-toda-la-corte\/2000\/tutelas-2000\/' title='Tutelas 2000' class='pt-cv-tax-tutelas-2000'>Tutelas 2000<\/a><\/div>\n<h4 class=\"pt-cv-title\"><a href=\"https:\/\/www.dmsjuridica.com\/buscador_20179478954\/corteconstitucionalcronologico202454587\/t-696-00\/\" class=\"_self\" target=\"_self\" >T-696-00<\/a><\/h4>\n<div class=\"pt-cv-content\">\u00a0 \u00a0 Expediente T-267230 acumulados \u00a0 \u00a0 Sentencia T-696\/00 \u00a0 PROCESO DE LIQUIDACION FORZOSA-Intervenci\u00f3n de entidades financieras \u00a0 El legislador ha estructurado el proceso de liquidaci\u00f3n forzosa para el evento en que las autoridades del Estado consideren oportuno intervenir entidades financieras. Este es un proceso concursal y universal que tiene por finalidad esencial la pronta realizaci\u00f3n de los activos y el pago gradual y r\u00e1pido del pasivo externo a cargo de la respectiva entidad, preservando la igualdad entre los acreedores, sin perjuicio de las disposiciones legales que confieren privilegios de exclusi\u00f3n y preferencia a determinada clase de cr\u00e9ditos.\u201cLa toma de ...<br \/><div class=\"pt-cv-rmwrap\"><a href=\"https:\/\/www.dmsjuridica.com\/buscador_20179478954\/corteconstitucionalcronologico202454587\/t-696-00\/\" class=\"_self pt-cv-readmore btn btn-success\" target=\"_self\">Ver Sentencia Completa...<\/a><\/div><\/div><\/div><\/div>\n<div class=\"col-md-12 col-sm-12 col-xs-12 pt-cv-content-item pt-cv-1-col\" ><div class='pt-cv-ifield'><a href=\"https:\/\/www.dmsjuridica.com\/buscador_20179478954\/corteconstitucionalcronologico202454587\/t-695-00\/\" class=\"_self pt-cv-href-thumbnail pt-cv-thumb-default\" target=\"_self\" ><\/a>\n<div class=\"pt-cv-taxoterm above_title\"><a href='https:\/\/www.dmsjuridica.com\/buscador_20179478954\/corteconstitucionalcronologico202454587\/category\/buscar-en-toda-la-corte\/2000\/tutelas-2000\/' title='Tutelas 2000' class='pt-cv-tax-tutelas-2000'>Tutelas 2000<\/a><\/div>\n<h4 class=\"pt-cv-title\"><a href=\"https:\/\/www.dmsjuridica.com\/buscador_20179478954\/corteconstitucionalcronologico202454587\/t-695-00\/\" class=\"_self\" target=\"_self\" >T-695-00<\/a><\/h4>\n<div class=\"pt-cv-content\">\u00a0 \u00a0 Sentencia T-695\/00 \u00a0 DERECHO A LA SUSTITUCION PENSIONAL-Alcance \u00a0 DERECHO A LA SUSTITUCION PENSIONAL-Car\u00e1cter fundamental \u00a0 DERECHO A LA SUSTITUCION PENSIONAL-Finalidad \u00a0 DERECHO A LA SUSTITUCION PENSIONAL POR ESTUDIOS-Protecci\u00f3n \u00a0 PENSION DE SOBREVIVIENTES-Suspensi\u00f3n \u00a0 ACCION DE TUTELA-Improcedencia por no ejercicio oportuno de mecanismo de defensa judicial \u00a0 Reiteraci\u00f3n de jurisprudencia\u00a0 \u00a0 Referencia: expediente T-285.225 \u00a0 Acci\u00f3n de tutela instaurada por Lina Patricia Garc\u00eda Pinz\u00f3n contra el Seguro Social. \u00a0 Magistrado Ponente: \u00a0 Dr. ALVARO TAFUR GALVIS. \u00a0 Santaf\u00e9 de Bogot\u00e1, D.C., trece (13) de junio del a\u00f1o dos mil (2000).\u00a0 \u00a0 La Sala Novena de Revisi\u00f3n de la ...<br \/><div class=\"pt-cv-rmwrap\"><a href=\"https:\/\/www.dmsjuridica.com\/buscador_20179478954\/corteconstitucionalcronologico202454587\/t-695-00\/\" class=\"_self pt-cv-readmore btn btn-success\" target=\"_self\">Ver Sentencia Completa...<\/a><\/div><\/div><\/div><\/div>\n<div class=\"col-md-12 col-sm-12 col-xs-12 pt-cv-content-item pt-cv-1-col\" ><div class='pt-cv-ifield'><a href=\"https:\/\/www.dmsjuridica.com\/buscador_20179478954\/corteconstitucionalcronologico202454587\/t-694-00\/\" class=\"_self pt-cv-href-thumbnail pt-cv-thumb-default\" target=\"_self\" ><\/a>\n<div class=\"pt-cv-taxoterm above_title\"><a href='https:\/\/www.dmsjuridica.com\/buscador_20179478954\/corteconstitucionalcronologico202454587\/category\/buscar-en-toda-la-corte\/2000\/tutelas-2000\/' title='Tutelas 2000' class='pt-cv-tax-tutelas-2000'>Tutelas 2000<\/a><\/div>\n<h4 class=\"pt-cv-title\"><a href=\"https:\/\/www.dmsjuridica.com\/buscador_20179478954\/corteconstitucionalcronologico202454587\/t-694-00\/\" class=\"_self\" target=\"_self\" >T-694-00<\/a><\/h4>\n<div class=\"pt-cv-content\">\u00a0 \u00a0 Sentencia T-694\/00 \u00a0 ACCION DE TUTELA CONTRA PROVIDENCIAS JUDICIALES-Procedencia excepcional\/VIA DE HECHO-Alcance \u00a0 DEBIDO PROCESO-Vulneraci\u00f3n por omisi\u00f3n del funcionario de dar respuesta a una solicitud de pruebas \u00a0 Se vulnera el debido proceso cuando el funcionario judicial omite dar respuesta a una determinada petici\u00f3n de pruebas, cuando ha sido formulada oportunamente por alguno de los sujetos procesales. En este sentido, la jurisprudencia constitucional ha considerado que, al conocer una determinada solicitud de pruebas, el fiscal o el juez de la causa, tienen la obligaci\u00f3n de responderla expresamente, ya sea en sentido positivo o negativo. En efecto, de no ...<br \/><div class=\"pt-cv-rmwrap\"><a href=\"https:\/\/www.dmsjuridica.com\/buscador_20179478954\/corteconstitucionalcronologico202454587\/t-694-00\/\" class=\"_self pt-cv-readmore btn btn-success\" target=\"_self\">Ver Sentencia Completa...<\/a><\/div><\/div><\/div><\/div>\n<div class=\"col-md-12 col-sm-12 col-xs-12 pt-cv-content-item pt-cv-1-col\" ><div class='pt-cv-ifield'><a href=\"https:\/\/www.dmsjuridica.com\/buscador_20179478954\/corteconstitucionalcronologico202454587\/t-693-00\/\" class=\"_self pt-cv-href-thumbnail pt-cv-thumb-default\" target=\"_self\" ><\/a>\n<div class=\"pt-cv-taxoterm above_title\"><a href='https:\/\/www.dmsjuridica.com\/buscador_20179478954\/corteconstitucionalcronologico202454587\/category\/buscar-en-toda-la-corte\/2000\/tutelas-2000\/' title='Tutelas 2000' class='pt-cv-tax-tutelas-2000'>Tutelas 2000<\/a><\/div>\n<h4 class=\"pt-cv-title\"><a href=\"https:\/\/www.dmsjuridica.com\/buscador_20179478954\/corteconstitucionalcronologico202454587\/t-693-00\/\" class=\"_self\" target=\"_self\" >T-693-00<\/a><\/h4>\n<div class=\"pt-cv-content\">\u00a0 \u00a0 Sentencia T-693\/00 \u00a0 DERECHO DE PETICION-Alcance \u00a0 DERECHO DE PETICION ANTE ORGANIZACIONES PRIVADAS-Improcedencia cuando no act\u00faa como autoridad \u00a0 ENTIDAD FINANCIERA-Autonom\u00eda de la voluntad limitada \u00a0 La autonom\u00eda de la voluntad para negociar de las entidades financieras, en muchos aspectos, est\u00e1 m\u00e1s restringida que la del resto de particulares, pues se encuentra especialmente limitada en raz\u00f3n de la funci\u00f3n que desempe\u00f1an, a la especialidad de la actividad que prestan y a su condici\u00f3n de instrumento para garantizar derechos individuales, como quiera que la libertad de negociar tambi\u00e9n se limita por la prohibici\u00f3n de afectar desproporcionadamente derechos fundamentales y ...<br \/><div class=\"pt-cv-rmwrap\"><a href=\"https:\/\/www.dmsjuridica.com\/buscador_20179478954\/corteconstitucionalcronologico202454587\/t-693-00\/\" class=\"_self pt-cv-readmore btn btn-success\" target=\"_self\">Ver Sentencia Completa...<\/a><\/div><\/div><\/div><\/div>\n<div class=\"col-md-12 col-sm-12 col-xs-12 pt-cv-content-item pt-cv-1-col\" ><div class='pt-cv-ifield'><a href=\"https:\/\/www.dmsjuridica.com\/buscador_20179478954\/corteconstitucionalcronologico202454587\/t-692-00\/\" class=\"_self pt-cv-href-thumbnail pt-cv-thumb-default\" target=\"_self\" ><\/a>\n<div class=\"pt-cv-taxoterm above_title\"><a href='https:\/\/www.dmsjuridica.com\/buscador_20179478954\/corteconstitucionalcronologico202454587\/category\/buscar-en-toda-la-corte\/2000\/tutelas-2000\/' title='Tutelas 2000' class='pt-cv-tax-tutelas-2000'>Tutelas 2000<\/a><\/div>\n<h4 class=\"pt-cv-title\"><a href=\"https:\/\/www.dmsjuridica.com\/buscador_20179478954\/corteconstitucionalcronologico202454587\/t-692-00\/\" class=\"_self\" target=\"_self\" >T-692-00<\/a><\/h4>\n<div class=\"pt-cv-content\">\u00a0 \u00a0 Sentencia T-692\/00 \u00a0 DERECHO AL TRABAJO EN CONDICIONES DIGNAS Y JUSTAS-Pago oportuno de salarios\/MUNICIPIO-Pago oportuno de salarios \u00a0 DERECHO AL MINIMO VITAL DEL TRABAJADOR-Pago oportuno de salarios \u00a0 MUNICIPIO-Prohibici\u00f3n de supeditar pago de acreencias laborales a presentaci\u00f3n de acci\u00f3n de tutela \u00a0 Reiteraci\u00f3n de Jurisprudencia \u00a0 Referencia: expediente T-281952 \u00a0 Acci\u00f3n de tutela instaurada por Orlando Guzm\u00e1n contra el Alcalde Municipal del Guamo (Tolima). \u00a0 Magistrado Ponente: \u00a0 Dr. ALVARO TAFUR GALVIS \u00a0 Santaf\u00e9 de Bogot\u00e1, D.C., a los doce (12) d\u00edas del mes de junio de dos mil (2000). \u00a0 La Sala Novena de Revisi\u00f3n de la ...<br \/><div class=\"pt-cv-rmwrap\"><a href=\"https:\/\/www.dmsjuridica.com\/buscador_20179478954\/corteconstitucionalcronologico202454587\/t-692-00\/\" class=\"_self pt-cv-readmore btn btn-success\" target=\"_self\">Ver Sentencia Completa...<\/a><\/div><\/div><\/div><\/div>\n<div class=\"col-md-12 col-sm-12 col-xs-12 pt-cv-content-item pt-cv-1-col\" ><div class='pt-cv-ifield'><a href=\"https:\/\/www.dmsjuridica.com\/buscador_20179478954\/corteconstitucionalcronologico202454587\/t-691-00\/\" class=\"_self pt-cv-href-thumbnail pt-cv-thumb-default\" target=\"_self\" ><\/a>\n<div class=\"pt-cv-taxoterm above_title\"><a href='https:\/\/www.dmsjuridica.com\/buscador_20179478954\/corteconstitucionalcronologico202454587\/category\/buscar-en-toda-la-corte\/2000\/tutelas-2000\/' title='Tutelas 2000' class='pt-cv-tax-tutelas-2000'>Tutelas 2000<\/a><\/div>\n<h4 class=\"pt-cv-title\"><a href=\"https:\/\/www.dmsjuridica.com\/buscador_20179478954\/corteconstitucionalcronologico202454587\/t-691-00\/\" class=\"_self\" target=\"_self\" >T-691-00<\/a><\/h4>\n<div class=\"pt-cv-content\">\u00a0 \u00a0 Sentencia T-691\/00 \u00a0 DERECHO A LA SEGURIDAD SOCIAL-Fundamental por conexidad \u00a0 DERECHO AL MINIMO VITAL DEL PENSIONADO-Presunci\u00f3n de afectaci\u00f3n por no pago oportuno de mesadas \u00a0 Reiteraci\u00f3n de jurisprudencia \u00a0 Referencia: expediente T-281910 \u00a0 Acci\u00f3n de tutela incoada por Jos\u00e9 Farid Ayubi Pupo contra las Empresas P\u00fablicas \u00a0Municipales de Ayapel (C\u00f3rdoba) .\u00a0 \u00a0 Magistrado Ponente: \u00a0 Dr. ALVARO TAFUR GALVIS \u00a0 Santa Fe de Bogot\u00e1, D.C., a los doce (12) d\u00edas del mes de junio de dos mil (2000). \u00a0 La Sala Novena de Revisi\u00f3n de la Corte Constitucional, en ejercicio de sus competencias constitucionales y legales, espec\u00edficamente ...<br \/><div class=\"pt-cv-rmwrap\"><a href=\"https:\/\/www.dmsjuridica.com\/buscador_20179478954\/corteconstitucionalcronologico202454587\/t-691-00\/\" class=\"_self pt-cv-readmore btn btn-success\" target=\"_self\">Ver Sentencia Completa...<\/a><\/div><\/div><\/div><\/div>\n<div class=\"col-md-12 col-sm-12 col-xs-12 pt-cv-content-item pt-cv-1-col\" ><div class='pt-cv-ifield'><a href=\"https:\/\/www.dmsjuridica.com\/buscador_20179478954\/corteconstitucionalcronologico202454587\/t-690-00\/\" class=\"_self pt-cv-href-thumbnail pt-cv-thumb-default\" target=\"_self\" ><\/a>\n<div class=\"pt-cv-taxoterm above_title\"><a href='https:\/\/www.dmsjuridica.com\/buscador_20179478954\/corteconstitucionalcronologico202454587\/category\/buscar-en-toda-la-corte\/2000\/tutelas-2000\/' title='Tutelas 2000' class='pt-cv-tax-tutelas-2000'>Tutelas 2000<\/a><\/div>\n<h4 class=\"pt-cv-title\"><a href=\"https:\/\/www.dmsjuridica.com\/buscador_20179478954\/corteconstitucionalcronologico202454587\/t-690-00\/\" class=\"_self\" target=\"_self\" >T-690-00<\/a><\/h4>\n<div class=\"pt-cv-content\">\u00a0 \u00a0 Sentencia T-690\/00 \u00a0 SISTEMA DE SEGURIDAD SOCIAL-Deber de afiliaci\u00f3n por el empleador y consecuencias por el incumplimiento \u00a0 DERECHO A LA SEGURIDAD SOCIAL DE PERSONA DE LA TERCERA EDAD-Protecci\u00f3n \u00a0 Reiteraci\u00f3n de Jurisprudencia \u00a0 Referencia: expediente T-283964\u00a0 \u00a0 Acci\u00f3n de tutela instaurada por Jos\u00e9 Bernardo Caro Acosta contra el se\u00f1or Leonardo Fonnegra. \u00a0 Magistrado Ponente: \u00a0 Dr. Alvaro Tafur Galvis \u00a0 Santa Fe de Bogot\u00e1 D.C., a los doce (12) d\u00edas del mes de junio de dos mil (2000). \u00a0 La Sala Novena de Revisi\u00f3n de la Corte Constitucional, en ejercicio de sus competencias constitucionales y legales, espec\u00edficamente ...<br \/><div class=\"pt-cv-rmwrap\"><a href=\"https:\/\/www.dmsjuridica.com\/buscador_20179478954\/corteconstitucionalcronologico202454587\/t-690-00\/\" class=\"_self pt-cv-readmore btn btn-success\" target=\"_self\">Ver Sentencia Completa...<\/a><\/div><\/div><\/div><\/div>\n<div class=\"col-md-12 col-sm-12 col-xs-12 pt-cv-content-item pt-cv-1-col\" ><div class='pt-cv-ifield'><a href=\"https:\/\/www.dmsjuridica.com\/buscador_20179478954\/corteconstitucionalcronologico202454587\/t-689-00\/\" class=\"_self pt-cv-href-thumbnail pt-cv-thumb-default\" target=\"_self\" ><\/a>\n<div class=\"pt-cv-taxoterm above_title\"><a href='https:\/\/www.dmsjuridica.com\/buscador_20179478954\/corteconstitucionalcronologico202454587\/category\/buscar-en-toda-la-corte\/2000\/tutelas-2000\/' title='Tutelas 2000' class='pt-cv-tax-tutelas-2000'>Tutelas 2000<\/a><\/div>\n<h4 class=\"pt-cv-title\"><a href=\"https:\/\/www.dmsjuridica.com\/buscador_20179478954\/corteconstitucionalcronologico202454587\/t-689-00\/\" class=\"_self\" target=\"_self\" >T-689-00<\/a><\/h4>\n<div class=\"pt-cv-content\">DERECHO DE PETICION-No constituye respuesta informaci\u00f3n suministrada al juez de tutela \u00a0 DERECHO DE PETICION-Pronta resoluci\u00f3n \u00a0 Reiteraci\u00f3n de jurisprudencia \u00a0 Referencia: expediente T-283525 \u00a0 Acci\u00f3n de tutela instaurada por Raquel Orduz Bernal contra el Fondo Nacional de Prestaciones Sociales del Magisterio. \u00a0 Magistrado Ponente: \u00a0 Dr. ALVARO TAFUR GALVIS \u00a0 Santa Fe de Bogot\u00e1, D.C., a los doce (12) d\u00edas del mes de junio dos mil (2000). \u00a0 La Sala Novena de Revisi\u00f3n de la Corte Constitucional, en ejercicio de sus competencias constitucionales y legales, en especial las previstas en los art\u00edculos 86 y 241-9 de la Carta Pol\u00edtica ...<br \/><div class=\"pt-cv-rmwrap\"><a href=\"https:\/\/www.dmsjuridica.com\/buscador_20179478954\/corteconstitucionalcronologico202454587\/t-689-00\/\" class=\"_self pt-cv-readmore btn btn-success\" target=\"_self\">Ver Sentencia Completa...<\/a><\/div><\/div><\/div><\/div>\n<div class=\"col-md-12 col-sm-12 col-xs-12 pt-cv-content-item pt-cv-1-col\" ><div class='pt-cv-ifield'><a href=\"https:\/\/www.dmsjuridica.com\/buscador_20179478954\/corteconstitucionalcronologico202454587\/t-688-00\/\" class=\"_self pt-cv-href-thumbnail pt-cv-thumb-default\" target=\"_self\" ><\/a>\n<div class=\"pt-cv-taxoterm above_title\"><a href='https:\/\/www.dmsjuridica.com\/buscador_20179478954\/corteconstitucionalcronologico202454587\/category\/buscar-en-toda-la-corte\/2000\/tutelas-2000\/' title='Tutelas 2000' class='pt-cv-tax-tutelas-2000'>Tutelas 2000<\/a><\/div>\n<h4 class=\"pt-cv-title\"><a href=\"https:\/\/www.dmsjuridica.com\/buscador_20179478954\/corteconstitucionalcronologico202454587\/t-688-00\/\" class=\"_self\" target=\"_self\" >T-688-00<\/a><\/h4>\n<div class=\"pt-cv-content\">\u00a0 \u00a0 Sentencia T-688\/00 \u00a0 La omisi\u00f3n en la que incurre un empleador, al no trasladar oportunamente los aportes correspondientes a las entidades promotoras de salud, vulnera directamente los derechos fundamentales a la salud, a la vida, al trabajo y a la seguridad social, pues, trat\u00e1ndose de un r\u00e9gimen contributivo, la mora en el pago, incide directamente en la prestaci\u00f3n del servicio, ya que la empresa no puede desarrollar el objeto social para el cual fue creada, ocasionando por ende serios perjuicios a todos sus afiliados, quienes ven desmejoradas la calidad de la prestaci\u00f3n, ante la ausencia de recursos econ\u00f3micos ...<br \/><div class=\"pt-cv-rmwrap\"><a href=\"https:\/\/www.dmsjuridica.com\/buscador_20179478954\/corteconstitucionalcronologico202454587\/t-688-00\/\" class=\"_self pt-cv-readmore btn btn-success\" target=\"_self\">Ver Sentencia Completa...<\/a><\/div><\/div><\/div><\/div>\n<div class=\"col-md-12 col-sm-12 col-xs-12 pt-cv-content-item pt-cv-1-col\" ><div class='pt-cv-ifield'><a href=\"https:\/\/www.dmsjuridica.com\/buscador_20179478954\/corteconstitucionalcronologico202454587\/t-687-00\/\" class=\"_self pt-cv-href-thumbnail pt-cv-thumb-default\" target=\"_self\" ><\/a>\n<div class=\"pt-cv-taxoterm above_title\"><a href='https:\/\/www.dmsjuridica.com\/buscador_20179478954\/corteconstitucionalcronologico202454587\/category\/buscar-en-toda-la-corte\/2000\/tutelas-2000\/' title='Tutelas 2000' class='pt-cv-tax-tutelas-2000'>Tutelas 2000<\/a><\/div>\n<h4 class=\"pt-cv-title\"><a href=\"https:\/\/www.dmsjuridica.com\/buscador_20179478954\/corteconstitucionalcronologico202454587\/t-687-00\/\" class=\"_self\" target=\"_self\" >T-687-00<\/a><\/h4>\n<div class=\"pt-cv-content\">\u00a0 \u00a0 Sentencia T-687\/00 \u00a0 ACCION DE TUTELA FRENTE A CONTROVERSIAS CONTRACTUALES-Improcedencia por cuanto no cumple con el requisito de subsidiariedad \u00a0 EMPRESA DE MEDICINA PREPAGADA-Exclusi\u00f3n de preexistencias previa, expresa y taxativamente \u00a0 CONTRATO DE MEDICINA PREPAGADA-En el transcurso no es posible su modificaci\u00f3n unilateral \u00a0 CONTRATO DE MEDICINA PREPAGADA-Excepci\u00f3n a cobertura no puede plantearse de manera general \u00a0 EMPRESA DE MEDICINA PREPAGADA-Examen de ingreso completo, riguroso y previo a la vinculaci\u00f3n del usuario \u00a0 Reiteraci\u00f3n de jurisprudencia \u00a0 Referencia: expediente T-283580 \u00a0 Acci\u00f3n de tutela incoada por Jorge Torres Rojas y otros contra \u201cHUMANA S. A\u201d, Compa\u00f1\u00eda de Medicina ...<br \/><div class=\"pt-cv-rmwrap\"><a href=\"https:\/\/www.dmsjuridica.com\/buscador_20179478954\/corteconstitucionalcronologico202454587\/t-687-00\/\" class=\"_self pt-cv-readmore btn btn-success\" target=\"_self\">Ver Sentencia Completa...<\/a><\/div><\/div><\/div><\/div>\n<div class=\"col-md-12 col-sm-12 col-xs-12 pt-cv-content-item pt-cv-1-col\" ><div class='pt-cv-ifield'><a href=\"https:\/\/www.dmsjuridica.com\/buscador_20179478954\/corteconstitucionalcronologico202454587\/t-686-00\/\" class=\"_self pt-cv-href-thumbnail pt-cv-thumb-default\" target=\"_self\" ><\/a>\n<div class=\"pt-cv-taxoterm above_title\"><a href='https:\/\/www.dmsjuridica.com\/buscador_20179478954\/corteconstitucionalcronologico202454587\/category\/buscar-en-toda-la-corte\/2000\/tutelas-2000\/' title='Tutelas 2000' class='pt-cv-tax-tutelas-2000'>Tutelas 2000<\/a><\/div>\n<h4 class=\"pt-cv-title\"><a href=\"https:\/\/www.dmsjuridica.com\/buscador_20179478954\/corteconstitucionalcronologico202454587\/t-686-00\/\" class=\"_self\" target=\"_self\" >T-686-00<\/a><\/h4>\n<div class=\"pt-cv-content\">\u00a0 \u00a0 Sentencia T-686\/00 \u00a0 ACCION DE TUTELA-Procedencia excepcional pago de acreencias laborales \u00a0 DERECHO AL MINIMO VITAL DEL TRABAJADOR-Pago oportuno de salarios\/ACCION DE TUTELA-Procedencia excepcional pago de salarios a persona desvinculada por afectaci\u00f3n del m\u00ednimo vital\u00a0 \u00a0 DERECHO AL PAGO OPORTUNO DEL SALARIO-Fundamental \u00a0 EMPLEADOR-Falta de presupuesto o insolvencia para pago oportuno de salarios no es raz\u00f3n suficiente \u00a0 Reiteraci\u00f3n de Jurisprudencia \u00a0 Referencia: expedientes T-279471 y T-281935. \u00a0 Acci\u00f3n de tutela instaurada por Mario Germ\u00e1n Vargas Forero y Janeth Torres Maldonado contra el Hospital San Vicente de Pa\u00fal de Palmira, Valle. \u00a0 Magistrado Ponente: \u00a0 Dr. ALVARO TAFUR ...<br \/><div class=\"pt-cv-rmwrap\"><a href=\"https:\/\/www.dmsjuridica.com\/buscador_20179478954\/corteconstitucionalcronologico202454587\/t-686-00\/\" class=\"_self pt-cv-readmore btn btn-success\" target=\"_self\">Ver Sentencia Completa...<\/a><\/div><\/div><\/div><\/div>\n<div class=\"col-md-12 col-sm-12 col-xs-12 pt-cv-content-item pt-cv-1-col\" ><div class='pt-cv-ifield'><a href=\"https:\/\/www.dmsjuridica.com\/buscador_20179478954\/corteconstitucionalcronologico202454587\/t-685-00\/\" class=\"_self pt-cv-href-thumbnail pt-cv-thumb-default\" target=\"_self\" ><\/a>\n<div class=\"pt-cv-taxoterm above_title\"><a href='https:\/\/www.dmsjuridica.com\/buscador_20179478954\/corteconstitucionalcronologico202454587\/category\/buscar-en-toda-la-corte\/2000\/tutelas-2000\/' title='Tutelas 2000' class='pt-cv-tax-tutelas-2000'>Tutelas 2000<\/a><\/div>\n<h4 class=\"pt-cv-title\"><a href=\"https:\/\/www.dmsjuridica.com\/buscador_20179478954\/corteconstitucionalcronologico202454587\/t-685-00\/\" class=\"_self\" target=\"_self\" >T-685-00<\/a><\/h4>\n<div class=\"pt-cv-content\">\u00a0 \u00a0 Sentencia T-685\/00 \u00a0 ACCION DE TUTELA-Improcedencia para reconocimiento de pensi\u00f3n\/DERECHO DE PETICION-Contenido de decisi\u00f3n \u00a0 DERECHO DE PETICION-Pronta resoluci\u00f3n \u00a0 Referencia: expediente T-283633 \u00a0 Acci\u00f3n de tutela instaurada por Nelson Betancourt Sanabria contra la Caja Nacional de Previsi\u00f3n Social. \u00a0 Magistrado Ponente: \u00a0 Dr. ALVARO TAFUR GALVIS\u00a0 \u00a0 Santa Fe de Bogot\u00e1, D.C., a los doce (12) d\u00edas del mes de junio de dos mil (2000). \u00a0 La Sala Novena de Revisi\u00f3n de la Corte Constitucional, en ejercicio de sus competencias constitucionales y legales, en especial las previstas en los art\u00edculos 86 y 241-9 de la Carta Pol\u00edtica ...<br \/><div class=\"pt-cv-rmwrap\"><a href=\"https:\/\/www.dmsjuridica.com\/buscador_20179478954\/corteconstitucionalcronologico202454587\/t-685-00\/\" class=\"_self pt-cv-readmore btn btn-success\" target=\"_self\">Ver Sentencia Completa...<\/a><\/div><\/div><\/div><\/div>\n<div class=\"col-md-12 col-sm-12 col-xs-12 pt-cv-content-item pt-cv-1-col\" ><div class='pt-cv-ifield'><a href=\"https:\/\/www.dmsjuridica.com\/buscador_20179478954\/corteconstitucionalcronologico202454587\/t-684-00\/\" class=\"_self pt-cv-href-thumbnail pt-cv-thumb-default\" target=\"_self\" ><\/a>\n<div class=\"pt-cv-taxoterm above_title\"><a href='https:\/\/www.dmsjuridica.com\/buscador_20179478954\/corteconstitucionalcronologico202454587\/category\/buscar-en-toda-la-corte\/2000\/tutelas-2000\/' title='Tutelas 2000' class='pt-cv-tax-tutelas-2000'>Tutelas 2000<\/a><\/div>\n<h4 class=\"pt-cv-title\"><a href=\"https:\/\/www.dmsjuridica.com\/buscador_20179478954\/corteconstitucionalcronologico202454587\/t-684-00\/\" class=\"_self\" target=\"_self\" >T-684-00<\/a><\/h4>\n<div class=\"pt-cv-content\">\u00a0 \u00a0 Sentencia T-684\/00 \u00a0 PRINCIPIO DE IGUALDAD-Trato excepcional para acreedores de entidades en liquidaci\u00f3n \u00a0 PRINCIPIO DE IGUALDAD-Generalidad para acceder en proceso concursal\u00a0 \u00a0 El principio constitucional de igualdad aplicado a los procesos liquidatorios de las entidades financieras se concreta en la m\u00e1xima par condictio creditorum, es decir, igualdad de trato para todos los acreedores en un proceso concursal; de ah\u00ed que, la variaci\u00f3n de \u00e9sta posici\u00f3n solo resulta admisible si las medidas excepcionales est\u00e1n dirigidas a compensar la situaci\u00f3n de aquellos individuos que, debido a las especiales condiciones que afrontan, son capaces de resquebrajar la hipot\u00e9tica igualdad inicial ...<br \/><div class=\"pt-cv-rmwrap\"><a href=\"https:\/\/www.dmsjuridica.com\/buscador_20179478954\/corteconstitucionalcronologico202454587\/t-684-00\/\" class=\"_self pt-cv-readmore btn btn-success\" target=\"_self\">Ver Sentencia Completa...<\/a><\/div><\/div><\/div><\/div>\n<div class=\"col-md-12 col-sm-12 col-xs-12 pt-cv-content-item pt-cv-1-col\" ><div class='pt-cv-ifield'><a href=\"https:\/\/www.dmsjuridica.com\/buscador_20179478954\/corteconstitucionalcronologico202454587\/t-683-00\/\" class=\"_self pt-cv-href-thumbnail pt-cv-thumb-default\" target=\"_self\" ><\/a>\n<div class=\"pt-cv-taxoterm above_title\"><a href='https:\/\/www.dmsjuridica.com\/buscador_20179478954\/corteconstitucionalcronologico202454587\/category\/buscar-en-toda-la-corte\/2000\/tutelas-2000\/' title='Tutelas 2000' class='pt-cv-tax-tutelas-2000'>Tutelas 2000<\/a><\/div>\n<h4 class=\"pt-cv-title\"><a href=\"https:\/\/www.dmsjuridica.com\/buscador_20179478954\/corteconstitucionalcronologico202454587\/t-683-00\/\" class=\"_self\" target=\"_self\" >T-683-00<\/a><\/h4>\n<div class=\"pt-cv-content\">\u00a0 \u00a0 Sentencia T-683\/00 \u00a0 ACCION DE TUTELA CONTRA PARTICULARES-Procedencia \u00a0 ACCION DE TUTELA-Procedencia excepcional pago de acreencias laborales\/DERECHO AL MINIMO VITAL DEL PENSIONADO-Pago oportuno de mesadas \u00a0 PROCESO CONCORDATARIO O LIQUIDATORIO-Pago preferente de obligaciones laborales \u00a0 A\u00fan cuando las empresas se encuentren incursas en el tr\u00e1mite de un proceso concordatario o liquidatorio, deben, sin excusa alguna, cumplir con las obligaciones contraidas previamente con sus trabajadores, para lo cual pagar\u00e1n de manera puntual y completa sus obligaciones laborales y prestacionales. Si esta obligaci\u00f3n es incumplida, la empresa estar\u00e1 violando los derechos fundamentales de sus trabajadores, y urge la protecci\u00f3n del ...<br \/><div class=\"pt-cv-rmwrap\"><a href=\"https:\/\/www.dmsjuridica.com\/buscador_20179478954\/corteconstitucionalcronologico202454587\/t-683-00\/\" class=\"_self pt-cv-readmore btn btn-success\" target=\"_self\">Ver Sentencia Completa...<\/a><\/div><\/div><\/div><\/div>\n<div class=\"col-md-12 col-sm-12 col-xs-12 pt-cv-content-item pt-cv-1-col\" ><div class='pt-cv-ifield'><a href=\"https:\/\/www.dmsjuridica.com\/buscador_20179478954\/corteconstitucionalcronologico202454587\/t-682-00\/\" class=\"_self pt-cv-href-thumbnail pt-cv-thumb-default\" target=\"_self\" ><\/a>\n<div class=\"pt-cv-taxoterm above_title\"><a href='https:\/\/www.dmsjuridica.com\/buscador_20179478954\/corteconstitucionalcronologico202454587\/category\/buscar-en-toda-la-corte\/2000\/tutelas-2000\/' title='Tutelas 2000' class='pt-cv-tax-tutelas-2000'>Tutelas 2000<\/a><\/div>\n<h4 class=\"pt-cv-title\"><a href=\"https:\/\/www.dmsjuridica.com\/buscador_20179478954\/corteconstitucionalcronologico202454587\/t-682-00\/\" class=\"_self\" target=\"_self\" >T-682-00<\/a><\/h4>\n<div class=\"pt-cv-content\">\u00a0 \u00a0 Sentencia T-682\/00 \u00a0 ACCION DE TUTELA-Procedencia excepcional pago de acreencias laborales \u00a0 DERECHO AL PAGO OPORTUNO DEL SALARIO-Fundamental \u00a0 DERECHO A LA SUBSISTENCIA-Retribuci\u00f3n salarial \u00a0 EMPLEADOR-Falta de presupuesto o insolvencia para pago oportuno de salarios no es raz\u00f3n suficiente \u00a0 Referencia: expedientes T-280810 y T-281357 \u00a0 Acciones de tutela instauradas por Marco Fidel Medina Villamil y Mar\u00eda Elena Boada V\u00e1squez contra la Promotora de Vacaciones y Recreaci\u00f3n Social PROSOCIAL. \u00a0 Magistrado Ponente: \u00a0 Dr. ALVARO TAFUR GALVIS. \u00a0 Santa Fe de Bogot\u00e1 D.C., a los doce (12) d\u00edas del mes junio de dos mil (2000). \u00a0 La Sala ...<br \/><div class=\"pt-cv-rmwrap\"><a href=\"https:\/\/www.dmsjuridica.com\/buscador_20179478954\/corteconstitucionalcronologico202454587\/t-682-00\/\" class=\"_self pt-cv-readmore btn btn-success\" target=\"_self\">Ver Sentencia Completa...<\/a><\/div><\/div><\/div><\/div>\n<div class=\"col-md-12 col-sm-12 col-xs-12 pt-cv-content-item pt-cv-1-col\" ><div class='pt-cv-ifield'><a href=\"https:\/\/www.dmsjuridica.com\/buscador_20179478954\/corteconstitucionalcronologico202454587\/t-681-00\/\" class=\"_self pt-cv-href-thumbnail pt-cv-thumb-default\" target=\"_self\" ><\/a>\n<div class=\"pt-cv-taxoterm above_title\"><a href='https:\/\/www.dmsjuridica.com\/buscador_20179478954\/corteconstitucionalcronologico202454587\/category\/buscar-en-toda-la-corte\/2000\/tutelas-2000\/' title='Tutelas 2000' class='pt-cv-tax-tutelas-2000'>Tutelas 2000<\/a><\/div>\n<h4 class=\"pt-cv-title\"><a href=\"https:\/\/www.dmsjuridica.com\/buscador_20179478954\/corteconstitucionalcronologico202454587\/t-681-00\/\" class=\"_self\" target=\"_self\" >T-681-00<\/a><\/h4>\n<div class=\"pt-cv-content\">\u00a0 \u00a0 Sentencia T-681\/00 \u00a0 JUEZ DE TUTELA-Incompetencia para reconocimiento de cesant\u00edas parciales \u00a0 DERECHO DE PETICION-Respuesta de fondo, clara y precisa \u00a0 DERECHO DE PETICION-Resoluci\u00f3n material\/PARTIDA PRESUPUESTAL-Apropiaciones para pago de cesant\u00edas parciales \u00a0 Reiteraci\u00f3n de Jurisprudencia \u00a0 Referencia: expedientes T-279112, T-282382 y T-283484. \u00a0 Acciones de tutela instauradas por Jeaneth Pataquiva Silva, Blanca Cecilia Pi\u00f1eros Guti\u00e9rrez y Sonia Mar\u00eda Chamorro L\u00f3pez contra el Ministerio de Hacienda y Cr\u00e9dito P\u00fablico y la Registradur\u00eda Nacional del Estado Civil. \u00a0 Magistrado Ponente: \u00a0 Dr. ALVARO TAFUR GALVIS \u00a0 Santaf\u00e9 de Bogot\u00e1 D.C., a los doce (12) d\u00edas del mes de junio de ...<br \/><div class=\"pt-cv-rmwrap\"><a href=\"https:\/\/www.dmsjuridica.com\/buscador_20179478954\/corteconstitucionalcronologico202454587\/t-681-00\/\" class=\"_self pt-cv-readmore btn btn-success\" target=\"_self\">Ver Sentencia Completa...<\/a><\/div><\/div><\/div><\/div>\n<div class=\"col-md-12 col-sm-12 col-xs-12 pt-cv-content-item pt-cv-1-col\" ><div class='pt-cv-ifield'><a href=\"https:\/\/www.dmsjuridica.com\/buscador_20179478954\/corteconstitucionalcronologico202454587\/t-680-00\/\" class=\"_self pt-cv-href-thumbnail pt-cv-thumb-default\" target=\"_self\" ><\/a>\n<div class=\"pt-cv-taxoterm above_title\"><a href='https:\/\/www.dmsjuridica.com\/buscador_20179478954\/corteconstitucionalcronologico202454587\/category\/buscar-en-toda-la-corte\/2000\/tutelas-2000\/' title='Tutelas 2000' class='pt-cv-tax-tutelas-2000'>Tutelas 2000<\/a><\/div>\n<h4 class=\"pt-cv-title\"><a href=\"https:\/\/www.dmsjuridica.com\/buscador_20179478954\/corteconstitucionalcronologico202454587\/t-680-00\/\" class=\"_self\" target=\"_self\" >T-680-00<\/a><\/h4>\n<div class=\"pt-cv-content\">\u00a0 \u00a0 Sentencia T-680\/00 \u00a0 ACCION DE TUTELA-Procedencia excepcional pago de acreencias laborales \u00a0 DERECHO AL MINIMO VITAL DEL PENSIONADO-Pago oportuno de mesadas \u00a0 Reiteraci\u00f3n de Jurisprudencia \u00a0 Referencia: expedientes T-279161, T-279485 y T-281912. \u00a0 Acci\u00f3n de tutela instaurada por Juan Bautista Guerrero, Justo Pastor Amaya Guevara y Leovigildo Bautista Gonz\u00e1lez contra el Departamento de Boyac\u00e1, Caja de Previsi\u00f3n Social de Boyac\u00e1 y Secretar\u00eda de Hacienda. \u00a0 Magistrado Ponente: \u00a0 Dr. ALVARO TAFUR GALVIS \u00a0 Santa Fe de Bogot\u00e1 D.C., a los doce (12) d\u00edas del mes de junio de dos mil (2000). \u00a0 La Sala Novena de Revisi\u00f3n de ...<br \/><div class=\"pt-cv-rmwrap\"><a href=\"https:\/\/www.dmsjuridica.com\/buscador_20179478954\/corteconstitucionalcronologico202454587\/t-680-00\/\" class=\"_self pt-cv-readmore btn btn-success\" target=\"_self\">Ver Sentencia Completa...<\/a><\/div><\/div><\/div><\/div>\n<div class=\"col-md-12 col-sm-12 col-xs-12 pt-cv-content-item pt-cv-1-col\" ><div class='pt-cv-ifield'><a href=\"https:\/\/www.dmsjuridica.com\/buscador_20179478954\/corteconstitucionalcronologico202454587\/t-679-00\/\" class=\"_self pt-cv-href-thumbnail pt-cv-thumb-default\" target=\"_self\" ><\/a>\n<div class=\"pt-cv-taxoterm above_title\"><a href='https:\/\/www.dmsjuridica.com\/buscador_20179478954\/corteconstitucionalcronologico202454587\/category\/buscar-en-toda-la-corte\/2000\/tutelas-2000\/' title='Tutelas 2000' class='pt-cv-tax-tutelas-2000'>Tutelas 2000<\/a><\/div>\n<h4 class=\"pt-cv-title\"><a href=\"https:\/\/www.dmsjuridica.com\/buscador_20179478954\/corteconstitucionalcronologico202454587\/t-679-00\/\" class=\"_self\" target=\"_self\" >T-679-00<\/a><\/h4>\n<div class=\"pt-cv-content\">\u00a0 \u00a0 Sentencia T-679\/00 \u00a0 DERECHO A LA SEGURIDAD SOCIAL-Fundamental \u00a0 PROCESO ORDINARIO LABORAL-Reconocimiento de pensi\u00f3n de invalidez\/MEDIO DE DEFENSA JUDICIAL INEFICAZ-Amenaza del m\u00ednimo vital \u00a0 Asiste en principio, raz\u00f3n al juez de instancia, cuando sostiene que la v\u00eda procedente para definir el reconocimiento de la posible pensi\u00f3n de invalidez a favor del demandante, es el proceso ordinario laboral. Pero no es menos cierto tambi\u00e9n, que el debate adquiere relevancia constitucional, cuando el medio judicial se torna ineficaz porque la situaci\u00f3n que se afronta amenaza el m\u00ednimo vital de la persona que acude en demanda de tutela. En otras palabras, ...<br \/><div class=\"pt-cv-rmwrap\"><a href=\"https:\/\/www.dmsjuridica.com\/buscador_20179478954\/corteconstitucionalcronologico202454587\/t-679-00\/\" class=\"_self pt-cv-readmore btn btn-success\" target=\"_self\">Ver Sentencia Completa...<\/a><\/div><\/div><\/div><\/div>\n<div class=\"col-md-12 col-sm-12 col-xs-12 pt-cv-content-item pt-cv-1-col\" ><div class='pt-cv-ifield'><a href=\"https:\/\/www.dmsjuridica.com\/buscador_20179478954\/corteconstitucionalcronologico202454587\/t-678-00\/\" class=\"_self pt-cv-href-thumbnail pt-cv-thumb-default\" target=\"_self\" ><\/a>\n<div class=\"pt-cv-taxoterm above_title\"><a href='https:\/\/www.dmsjuridica.com\/buscador_20179478954\/corteconstitucionalcronologico202454587\/category\/buscar-en-toda-la-corte\/2000\/tutelas-2000\/' title='Tutelas 2000' class='pt-cv-tax-tutelas-2000'>Tutelas 2000<\/a><\/div>\n<h4 class=\"pt-cv-title\"><a href=\"https:\/\/www.dmsjuridica.com\/buscador_20179478954\/corteconstitucionalcronologico202454587\/t-678-00\/\" class=\"_self\" target=\"_self\" >T-678-00<\/a><\/h4>\n<div class=\"pt-cv-content\">\u00a0 \u00a0 Sentencia T-678\/00 \u00a0 DERECHO AL MINIMO VITAL DEL TRABAJADOR-Pago oportuno de salarios \u00a0 SALARIO-Pago oportuno con indemnizaci\u00f3n de lo recibido por otro miembro de la familia \u00a0 DERECHO AL PAGO OPORTUNO DEL SALARIO-Fundamental \u00a0 Reiteraci\u00f3n de Jurisprudencia \u00a0 Referencia: expedientes acumulados T-282312, y T-282314. \u00a0 Acciones de tutela instauradas por Gabriel Oliveros Larios y Mar\u00eda del Rosario Rivera Bravo contra el Municipio de Astrea (Cesar).. \u00a0 Magistrado Ponente: \u00a0 Dr. ALVARO TAFUR GALVIS \u00a0 Santa Fe de Bogot\u00e1 D.C., a los doce (12) d\u00edas del mes de junio de dos mil (2000). \u00a0 La Sala Novena de Revisi\u00f3n ...<br \/><div class=\"pt-cv-rmwrap\"><a href=\"https:\/\/www.dmsjuridica.com\/buscador_20179478954\/corteconstitucionalcronologico202454587\/t-678-00\/\" class=\"_self pt-cv-readmore btn btn-success\" target=\"_self\">Ver Sentencia Completa...<\/a><\/div><\/div><\/div><\/div>\n<div class=\"col-md-12 col-sm-12 col-xs-12 pt-cv-content-item pt-cv-1-col\" ><div class='pt-cv-ifield'><a href=\"https:\/\/www.dmsjuridica.com\/buscador_20179478954\/corteconstitucionalcronologico202454587\/t-677-00\/\" class=\"_self pt-cv-href-thumbnail pt-cv-thumb-default\" target=\"_self\" ><\/a>\n<div class=\"pt-cv-taxoterm above_title\"><a href='https:\/\/www.dmsjuridica.com\/buscador_20179478954\/corteconstitucionalcronologico202454587\/category\/buscar-en-toda-la-corte\/2000\/tutelas-2000\/' title='Tutelas 2000' class='pt-cv-tax-tutelas-2000'>Tutelas 2000<\/a><\/div>\n<h4 class=\"pt-cv-title\"><a href=\"https:\/\/www.dmsjuridica.com\/buscador_20179478954\/corteconstitucionalcronologico202454587\/t-677-00\/\" class=\"_self\" target=\"_self\" >T-677-00<\/a><\/h4>\n<div class=\"pt-cv-content\">\u00a0 \u00a0 Sentencia T-677\/00 \u00a0 ACCION DE TUTELA-Procedencia excepcional pago de acreencias laborales\/DERECHO AL MINIMO VITAL DEL PENSIONADO-Pago oportuno de mesadas \u00a0 EMPLEADOR-Crisis econ\u00f3mica o presupuestal no exime del pago de mesadas pensionales \u00a0 Reiteraci\u00f3n de Jurisprudencia \u00a0 Referencia: expedientes acumulados T-268375, T-272165, T-281904, T-281918 y T-282892. \u00a0 Acciones de tutela instauradas por Yesid Garz\u00f3n Arag\u00f3n, Jos\u00e9 Edilmo Zu\u00f1iga Campo, Rub\u00e9n Dario Guerra Corral, Albeiro Arm\u00edn Mu\u00f1oz Tintinago, Rommel Naranjo Mar\u00edn contra la Universidad del Valle. \u00a0 Magistrado Ponente: \u00a0 Dr. ALVARO TAFUR GALVIS \u00a0 Santa Fe de Bogot\u00e1 D.C., a los doce (12) d\u00edas del mes de junio de ...<br \/><div class=\"pt-cv-rmwrap\"><a href=\"https:\/\/www.dmsjuridica.com\/buscador_20179478954\/corteconstitucionalcronologico202454587\/t-677-00\/\" class=\"_self pt-cv-readmore btn btn-success\" target=\"_self\">Ver Sentencia Completa...<\/a><\/div><\/div><\/div><\/div>\n<div class=\"col-md-12 col-sm-12 col-xs-12 pt-cv-content-item pt-cv-1-col\" ><div class='pt-cv-ifield'><a href=\"https:\/\/www.dmsjuridica.com\/buscador_20179478954\/corteconstitucionalcronologico202454587\/t-676-00\/\" class=\"_self pt-cv-href-thumbnail pt-cv-thumb-default\" target=\"_self\" ><\/a>\n<div class=\"pt-cv-taxoterm above_title\"><a href='https:\/\/www.dmsjuridica.com\/buscador_20179478954\/corteconstitucionalcronologico202454587\/category\/buscar-en-toda-la-corte\/2000\/tutelas-2000\/' title='Tutelas 2000' class='pt-cv-tax-tutelas-2000'>Tutelas 2000<\/a><\/div>\n<h4 class=\"pt-cv-title\"><a href=\"https:\/\/www.dmsjuridica.com\/buscador_20179478954\/corteconstitucionalcronologico202454587\/t-676-00\/\" class=\"_self\" target=\"_self\" >T-676-00<\/a><\/h4>\n<div class=\"pt-cv-content\">\u00a0 \u00a0 Sentencia T-676\/00 \u00a0 DERECHO DE PETICION-No se vulnera cuando no ha transcurrido el plazo legal para responder \u00a0 El ente demandado no vulner\u00f3 el derecho de petici\u00f3n, por cuanto la solicitud de reconocimiento de pensi\u00f3n sustitutiva se elev\u00f3 el 1 de octubre de 1999, y el 5 del mismo mes se inco\u00f3 la acci\u00f3n de tutela. En consecuencia, en cuanto se refiere a este derecho, no puede prosperar la pretensi\u00f3n de la actora, toda vez que para la \u00e9poca que se present\u00f3 la demanda en referencia, a\u00fan no hab\u00eda vencido el t\u00e9rmino legal otorgado al ente demandado para ...<br \/><div class=\"pt-cv-rmwrap\"><a href=\"https:\/\/www.dmsjuridica.com\/buscador_20179478954\/corteconstitucionalcronologico202454587\/t-676-00\/\" class=\"_self pt-cv-readmore btn btn-success\" target=\"_self\">Ver Sentencia Completa...<\/a><\/div><\/div><\/div><\/div>\n<div class=\"col-md-12 col-sm-12 col-xs-12 pt-cv-content-item pt-cv-1-col\" ><div class='pt-cv-ifield'><a href=\"https:\/\/www.dmsjuridica.com\/buscador_20179478954\/corteconstitucionalcronologico202454587\/t-675-00\/\" class=\"_self pt-cv-href-thumbnail pt-cv-thumb-default\" target=\"_self\" ><\/a>\n<div class=\"pt-cv-taxoterm above_title\"><a href='https:\/\/www.dmsjuridica.com\/buscador_20179478954\/corteconstitucionalcronologico202454587\/category\/buscar-en-toda-la-corte\/2000\/tutelas-2000\/' title='Tutelas 2000' class='pt-cv-tax-tutelas-2000'>Tutelas 2000<\/a><\/div>\n<h4 class=\"pt-cv-title\"><a href=\"https:\/\/www.dmsjuridica.com\/buscador_20179478954\/corteconstitucionalcronologico202454587\/t-675-00\/\" class=\"_self\" target=\"_self\" >T-675-00<\/a><\/h4>\n<div class=\"pt-cv-content\">\u00a0 \u00a0 Sentencia T-675\/00 \u00a0 ACCION DE TUTELA-Carencia actual de objeto \u00a0 Peticionarios: \u00a0 Lorena Berdugo Gomez \u00a0 Dennis Mercado Sarmiento \u00a0 \u00a0 \u00a0 \u00a0 \u00a0 Rosa Margarita Ruiz Gutierrez \u00a0 Angela \u00a0Sanjuan Castro \u00a0 Claretit Grau Acu\u00f1a \u00a0 Maria Elena Bedoya Vargas \u00a0 Ismalda Guerrero G. \u00a0 Magistrado Ponente: \u00a0 Dr. FABIO MORON DIAZ\u00a0 \u00a0 Santaf\u00e9 de Bogot\u00e1, D.C., junio nueve \u00a0(9) del a\u00f1o dos mil (2000) \u00a0\u00a0 \u00a0 La Sala S\u00e9ptima de Revisi\u00f3n de Tutelas de la Corte Constitucional, integrada por los Magistrados VLADIMIRO NARANJO MESA, ALVARO TAFUR GALVIS y FABIO MORON DIAZ, en ejercicio de sus competencias ...<br \/><div class=\"pt-cv-rmwrap\"><a href=\"https:\/\/www.dmsjuridica.com\/buscador_20179478954\/corteconstitucionalcronologico202454587\/t-675-00\/\" class=\"_self pt-cv-readmore btn btn-success\" target=\"_self\">Ver Sentencia Completa...<\/a><\/div><\/div><\/div><\/div>\n<div class=\"col-md-12 col-sm-12 col-xs-12 pt-cv-content-item pt-cv-1-col\" ><div class='pt-cv-ifield'><a href=\"https:\/\/www.dmsjuridica.com\/buscador_20179478954\/corteconstitucionalcronologico202454587\/t-674-00\/\" class=\"_self pt-cv-href-thumbnail pt-cv-thumb-default\" target=\"_self\" ><\/a>\n<div class=\"pt-cv-taxoterm above_title\"><a href='https:\/\/www.dmsjuridica.com\/buscador_20179478954\/corteconstitucionalcronologico202454587\/category\/buscar-en-toda-la-corte\/2000\/tutelas-2000\/' title='Tutelas 2000' class='pt-cv-tax-tutelas-2000'>Tutelas 2000<\/a><\/div>\n<h4 class=\"pt-cv-title\"><a href=\"https:\/\/www.dmsjuridica.com\/buscador_20179478954\/corteconstitucionalcronologico202454587\/t-674-00\/\" class=\"_self\" target=\"_self\" >T-674-00<\/a><\/h4>\n<div class=\"pt-cv-content\">\u00a0 \u00a0 Sentencia T-674\/00 \u00a0 AUTONOMIA UNIVERSITARIA-Definici\u00f3n \u00a0 Puede definirse la autonom\u00eda universitaria como la capacidad de autorregulaci\u00f3n filos\u00f3fica y de autodeterminaci\u00f3n administrativa de la persona jur\u00eddica que presta el servicio p\u00fablico de educaci\u00f3n superior, \"de manera que proclame su singularidad en el entorno\u201d. \u00a0 AUTONOMIA UNIVERSITARIA-Contenido \u00a0 En lo concerniente a la direcci\u00f3n ideol\u00f3gica del centro educativo, como elemento integrador de la autonom\u00eda universitaria, la instituci\u00f3n cuenta con la potestad de se\u00f1alar los planes de estudio y los m\u00e9todos y sistemas de investigaci\u00f3n. Se colige, en consecuencia, que el contenido de la autonom\u00eda universitaria se concreta especialmente en la ...<br \/><div class=\"pt-cv-rmwrap\"><a href=\"https:\/\/www.dmsjuridica.com\/buscador_20179478954\/corteconstitucionalcronologico202454587\/t-674-00\/\" class=\"_self pt-cv-readmore btn btn-success\" target=\"_self\">Ver Sentencia Completa...<\/a><\/div><\/div><\/div><\/div>\n<div class=\"col-md-12 col-sm-12 col-xs-12 pt-cv-content-item pt-cv-1-col\" ><div class='pt-cv-ifield'><a href=\"https:\/\/www.dmsjuridica.com\/buscador_20179478954\/corteconstitucionalcronologico202454587\/t-673-00\/\" class=\"_self pt-cv-href-thumbnail pt-cv-thumb-default\" target=\"_self\" ><\/a>\n<div class=\"pt-cv-taxoterm above_title\"><a href='https:\/\/www.dmsjuridica.com\/buscador_20179478954\/corteconstitucionalcronologico202454587\/category\/buscar-en-toda-la-corte\/2000\/tutelas-2000\/' title='Tutelas 2000' class='pt-cv-tax-tutelas-2000'>Tutelas 2000<\/a><\/div>\n<h4 class=\"pt-cv-title\"><a href=\"https:\/\/www.dmsjuridica.com\/buscador_20179478954\/corteconstitucionalcronologico202454587\/t-673-00\/\" class=\"_self\" target=\"_self\" >T-673-00<\/a><\/h4>\n<div class=\"pt-cv-content\">\u00a0 \u00a0 Sentencia T-673\/00 \u00a0 ACCION DE TUTELA-Hecho superado \u00a0 INDEMNIZACION DE PERJUICIOS-Procedencia \u00a0 DERECHO DE PETICION Y ACCESO A DOCUMENTOS PUBLICOS-Solicitud de copias\/DERECHO DE ACCESO A DOCUMENTOS PUBLICOS-No es absoluto\/SILENCIO ADMINISTRATIVO POSITIVO-Solicitud de copia de documentos \u00a0 Referencia: expediente T- 249.658 \u00a0 Magistrado Ponente:\u00a0 \u00a0 Dr. ALEJANDRO MART\u00cdNEZ CABALLERO \u00a0 Santa Fe de Bogot\u00e1, nueve (9) de junio de dos mil (2000) \u00a0 La Sala Sexta de Revisi\u00f3n de la Corte Constitucional, en ejercicio de sus competencias constitucionales y legales, ha proferido Sentencia en la acci\u00f3n de tutela interpuesta por Abel Cenen Brochado de la Cruz contra el Secretario ...<br \/><div class=\"pt-cv-rmwrap\"><a href=\"https:\/\/www.dmsjuridica.com\/buscador_20179478954\/corteconstitucionalcronologico202454587\/t-673-00\/\" class=\"_self pt-cv-readmore btn btn-success\" target=\"_self\">Ver Sentencia Completa...<\/a><\/div><\/div><\/div><\/div>\n<div class=\"col-md-12 col-sm-12 col-xs-12 pt-cv-content-item pt-cv-1-col\" ><div class='pt-cv-ifield'><a href=\"https:\/\/www.dmsjuridica.com\/buscador_20179478954\/corteconstitucionalcronologico202454587\/t-672-00\/\" class=\"_self pt-cv-href-thumbnail pt-cv-thumb-default\" target=\"_self\" ><\/a>\n<div class=\"pt-cv-taxoterm above_title\"><a href='https:\/\/www.dmsjuridica.com\/buscador_20179478954\/corteconstitucionalcronologico202454587\/category\/buscar-en-toda-la-corte\/2000\/tutelas-2000\/' title='Tutelas 2000' class='pt-cv-tax-tutelas-2000'>Tutelas 2000<\/a><\/div>\n<h4 class=\"pt-cv-title\"><a href=\"https:\/\/www.dmsjuridica.com\/buscador_20179478954\/corteconstitucionalcronologico202454587\/t-672-00\/\" class=\"_self\" target=\"_self\" >T-672-00<\/a><\/h4>\n<div class=\"pt-cv-content\">\u00a0 \u00a0 Sentencia T-672\/00 \u00a0 DERECHO AL PAGO OPORTUNO DEL SALARIO-Fundamental \u00a0 SALARIO-Concepto\/SALARIO-Sumas que deben integrarse para efectos del significado y pago oportuno \u00a0 ACCION DE TUTELA-Criterios de procedencia para el pago cumplido de salarios \u00a0 EMPLEADOR-Falta de presupuesto o insolvencia para pago oportuno de salarios no es raz\u00f3n suficiente \u00a0 DERECHO AL PAGO OPORTUNO DEL SALARIO-Reconocimiento de totalidad de sumas adeudadas \u00a0 Referencia: expediente T-290891 \u00a0y \u00a0sus acumulados T-290892; T-290893; T-290894; \u00a0T-290895; \u00a0T-290896; T-290935; T-290942; \u00a0 T-290943; \u00a0T-290944; T-290946; \u00a0T-290947; \u00a0T-290948; \u00a0T-290949.\u00a0 \u00a0 \u00a0 \u00a0 Magistrado Ponente: \u00a0 Dr. ALEJANDRO MARTINEZ CABALLERO \u00a0 Santa Fe de Bogot\u00e1, D.C., \u00a0nueve ...<br \/><div class=\"pt-cv-rmwrap\"><a href=\"https:\/\/www.dmsjuridica.com\/buscador_20179478954\/corteconstitucionalcronologico202454587\/t-672-00\/\" class=\"_self pt-cv-readmore btn btn-success\" target=\"_self\">Ver Sentencia Completa...<\/a><\/div><\/div><\/div><\/div>\n<div class=\"col-md-12 col-sm-12 col-xs-12 pt-cv-content-item pt-cv-1-col\" ><div class='pt-cv-ifield'><a href=\"https:\/\/www.dmsjuridica.com\/buscador_20179478954\/corteconstitucionalcronologico202454587\/t-671-00\/\" class=\"_self pt-cv-href-thumbnail pt-cv-thumb-default\" target=\"_self\" ><\/a>\n<div class=\"pt-cv-taxoterm above_title\"><a href='https:\/\/www.dmsjuridica.com\/buscador_20179478954\/corteconstitucionalcronologico202454587\/category\/buscar-en-toda-la-corte\/2000\/tutelas-2000\/' title='Tutelas 2000' class='pt-cv-tax-tutelas-2000'>Tutelas 2000<\/a><\/div>\n<h4 class=\"pt-cv-title\"><a href=\"https:\/\/www.dmsjuridica.com\/buscador_20179478954\/corteconstitucionalcronologico202454587\/t-671-00\/\" class=\"_self\" target=\"_self\" >T-671-00<\/a><\/h4>\n<div class=\"pt-cv-content\">\u00a0 \u00a0 Sentencia T-671\/00 \u00a0 PENSION DE VEJEZ-Protecci\u00f3n constitucional \u00a0 \"El reconocimiento y pago de la pensi\u00f3n de vejez encuentra sustento constitucional en la protecci\u00f3n especial que debe brindar el Estado al trabajo humano en todas sus modalidades, pues se impone que el fruto del trabajo continuado durante largos a\u00f1os sea la base para disfrutar el descanso, en condiciones dignas, cuando la disminuci\u00f3n de la producci\u00f3n laboral es evidente. As\u00ed mismo, la pensi\u00f3n de vejez goza de amparo superior en los art\u00edculos 48 y 53 de la Constituci\u00f3n, los cuales establecen que el pago de la pensi\u00f3n debe realizarse de ...<br \/><div class=\"pt-cv-rmwrap\"><a href=\"https:\/\/www.dmsjuridica.com\/buscador_20179478954\/corteconstitucionalcronologico202454587\/t-671-00\/\" class=\"_self pt-cv-readmore btn btn-success\" target=\"_self\">Ver Sentencia Completa...<\/a><\/div><\/div><\/div><\/div>\n<div class=\"col-md-12 col-sm-12 col-xs-12 pt-cv-content-item pt-cv-1-col\" ><div class='pt-cv-ifield'><a href=\"https:\/\/www.dmsjuridica.com\/buscador_20179478954\/corteconstitucionalcronologico202454587\/t-670-00\/\" class=\"_self pt-cv-href-thumbnail pt-cv-thumb-default\" target=\"_self\" ><\/a>\n<div class=\"pt-cv-taxoterm above_title\"><a href='https:\/\/www.dmsjuridica.com\/buscador_20179478954\/corteconstitucionalcronologico202454587\/category\/buscar-en-toda-la-corte\/2000\/tutelas-2000\/' title='Tutelas 2000' class='pt-cv-tax-tutelas-2000'>Tutelas 2000<\/a><\/div>\n<h4 class=\"pt-cv-title\"><a href=\"https:\/\/www.dmsjuridica.com\/buscador_20179478954\/corteconstitucionalcronologico202454587\/t-670-00\/\" class=\"_self\" target=\"_self\" >T-670-00<\/a><\/h4>\n<div class=\"pt-cv-content\">\u00a0 \u00a0 Sentencia T-670\/00 \u00a0 ENFERMEDADES DE ALTO COSTO-Periodo m\u00ednimo de cotizaci\u00f3n \u00a0 SISTEMA DE SEGURIDAD SOCIAL EN SALUD-Periodo m\u00ednimo de cotizaci\u00f3n se exige a afiliados \u00a0 Los m\u00ednimos de cotizaci\u00f3n se exigen a los afiliados al sistema de seguridad social en salud. Y, son afiliados al r\u00e9gimen contributivo: los cotizantes y los beneficiarios. Por consiguiente, determina el m\u00ednimo de carencia el tiempo de afiliaci\u00f3n al sistema, ya sea como usuario cotizante, como beneficiario por cobertura familiar o como beneficiario adicional. M\u00e1s a\u00fan, cuando el art\u00edculo 35 del Decreto 806 de 1998 se\u00f1ala que \u201clos afiliados deber\u00e1n inscribir ante la ...<br \/><div class=\"pt-cv-rmwrap\"><a href=\"https:\/\/www.dmsjuridica.com\/buscador_20179478954\/corteconstitucionalcronologico202454587\/t-670-00\/\" class=\"_self pt-cv-readmore btn btn-success\" target=\"_self\">Ver Sentencia Completa...<\/a><\/div><\/div><\/div><\/div>\n<div class=\"col-md-12 col-sm-12 col-xs-12 pt-cv-content-item pt-cv-1-col\" ><div class='pt-cv-ifield'><a href=\"https:\/\/www.dmsjuridica.com\/buscador_20179478954\/corteconstitucionalcronologico202454587\/t-669-00\/\" class=\"_self pt-cv-href-thumbnail pt-cv-thumb-default\" target=\"_self\" ><\/a>\n<div class=\"pt-cv-taxoterm above_title\"><a href='https:\/\/www.dmsjuridica.com\/buscador_20179478954\/corteconstitucionalcronologico202454587\/category\/buscar-en-toda-la-corte\/2000\/tutelas-2000\/' title='Tutelas 2000' class='pt-cv-tax-tutelas-2000'>Tutelas 2000<\/a><\/div>\n<h4 class=\"pt-cv-title\"><a href=\"https:\/\/www.dmsjuridica.com\/buscador_20179478954\/corteconstitucionalcronologico202454587\/t-669-00\/\" class=\"_self\" target=\"_self\" >T-669-00<\/a><\/h4>\n<div class=\"pt-cv-content\">\u00a0 \u00a0 Sentencia T-669\/00 \u00a0 AUTONOMIA UNIVERSITARIA-N\u00facleo esencial \u00a0 Uno de los aspectos que conforman el n\u00facleo esencial de la autonom\u00eda universitaria, es la potestad de los centros educativos para se\u00f1alar los planes de estudio, los m\u00e9todos y sistemas de investigaci\u00f3n, puesto que \u201cpor regla general la universidad se rige por el principio de plena capacidad de decisi\u00f3n, lo cual implica un grado importante de acci\u00f3n libre de injerencia legislativa y judicial, necesaria para desarrollar un contenido acad\u00e9mico que asegure un espacio independiente del conocimiento, la capacidad creativa y la investigaci\u00f3n cient\u00edfica\u201d. \u00a0 \u00a0AUTONOMIA UNIVERSITARIA-Aprobaci\u00f3n niveles de ingl\u00e9s \u00a0 Los ...<br \/><div class=\"pt-cv-rmwrap\"><a href=\"https:\/\/www.dmsjuridica.com\/buscador_20179478954\/corteconstitucionalcronologico202454587\/t-669-00\/\" class=\"_self pt-cv-readmore btn btn-success\" target=\"_self\">Ver Sentencia Completa...<\/a><\/div><\/div><\/div><\/div>\n<div class=\"col-md-12 col-sm-12 col-xs-12 pt-cv-content-item pt-cv-1-col\" ><div class='pt-cv-ifield'><a href=\"https:\/\/www.dmsjuridica.com\/buscador_20179478954\/corteconstitucionalcronologico202454587\/t-668-00\/\" class=\"_self pt-cv-href-thumbnail pt-cv-thumb-default\" target=\"_self\" ><\/a>\n<div class=\"pt-cv-taxoterm above_title\"><a href='https:\/\/www.dmsjuridica.com\/buscador_20179478954\/corteconstitucionalcronologico202454587\/category\/buscar-en-toda-la-corte\/2000\/tutelas-2000\/' title='Tutelas 2000' class='pt-cv-tax-tutelas-2000'>Tutelas 2000<\/a><\/div>\n<h4 class=\"pt-cv-title\"><a href=\"https:\/\/www.dmsjuridica.com\/buscador_20179478954\/corteconstitucionalcronologico202454587\/t-668-00\/\" class=\"_self\" target=\"_self\" >T-668-00<\/a><\/h4>\n<div class=\"pt-cv-content\">\u00a0 \u00a0 Sentencia T-668\/00 \u00a0 HOGARES COMUNITARIOS-V\u00ednculo contractual\/MADRE COMUNITARIA-V\u00ednculo contractual \u00a0 En los contratos de aporte suscritos entre los directores regionales del Bienestar Familiar y el representante legal de la asociaci\u00f3n de padres de familia que contrata a la madre comunitaria, la cl\u00e1usula tercera, que se denomina autonom\u00eda del contratista, establece la independencia y la inexistencia de v\u00ednculos laborales o de cualquier naturaleza entre el ICBF, el contratista, o las personas que participen en la prestaci\u00f3n del servicio y que pertenezcan a estas asociaciones. Sobre la naturaleza jur\u00eddica del v\u00ednculo existente entre las madres comunitarias y la asociaci\u00f3n de padres ...<br \/><div class=\"pt-cv-rmwrap\"><a href=\"https:\/\/www.dmsjuridica.com\/buscador_20179478954\/corteconstitucionalcronologico202454587\/t-668-00\/\" class=\"_self pt-cv-readmore btn btn-success\" target=\"_self\">Ver Sentencia Completa...<\/a><\/div><\/div><\/div><\/div>\n<div class=\"col-md-12 col-sm-12 col-xs-12 pt-cv-content-item pt-cv-1-col\" ><div class='pt-cv-ifield'><a href=\"https:\/\/www.dmsjuridica.com\/buscador_20179478954\/corteconstitucionalcronologico202454587\/t-667-00\/\" class=\"_self pt-cv-href-thumbnail pt-cv-thumb-default\" target=\"_self\" ><\/a>\n<div class=\"pt-cv-taxoterm above_title\"><a href='https:\/\/www.dmsjuridica.com\/buscador_20179478954\/corteconstitucionalcronologico202454587\/category\/buscar-en-toda-la-corte\/2000\/tutelas-2000\/' title='Tutelas 2000' class='pt-cv-tax-tutelas-2000'>Tutelas 2000<\/a><\/div>\n<h4 class=\"pt-cv-title\"><a href=\"https:\/\/www.dmsjuridica.com\/buscador_20179478954\/corteconstitucionalcronologico202454587\/t-667-00\/\" class=\"_self\" target=\"_self\" >T-667-00<\/a><\/h4>\n<div class=\"pt-cv-content\">\u00a0 \u00a0 Sentencia T-667\/00 \u00a0 DERECHO DE PETICION-Pronta resoluci\u00f3n\/DERECHO DE PETICION FRENTE AL SILENCIO ADMINISTRATIVO NEGATIVO-Deber de resolver la solicitud \u00a0 DERECHO DE PETICION-Pronta resoluci\u00f3n equivale a quince d\u00edas mientras legislador fija t\u00e9rmino distinto\/DERECHO DE PETICION-Facultad del legislador para establecer plazos diversos al se\u00f1alado en el C\u00f3digo Contencioso Administrativo \u00a0 Reiteraci\u00f3n de Jurisprudencia \u00a0 Referencia: expedientes T-283496 y T-284268. \u00a0 Acciones de tutela instauradas por Alba Patricia Rodr\u00edguez Ayala y Jos\u00e9 Hern\u00e1n S\u00e1nchez contra Cajanal E.P.S. \u00a0 Magistrado Ponente: \u00a0 Dr. ALVARO TAFUR GALVIS \u00a0 Santaf\u00e9 de Bogot\u00e1, D.C., a los nueve (9) d\u00edas del mes de junio del a\u00f1o ...<br \/><div class=\"pt-cv-rmwrap\"><a href=\"https:\/\/www.dmsjuridica.com\/buscador_20179478954\/corteconstitucionalcronologico202454587\/t-667-00\/\" class=\"_self pt-cv-readmore btn btn-success\" target=\"_self\">Ver Sentencia Completa...<\/a><\/div><\/div><\/div><\/div>\n<div class=\"col-md-12 col-sm-12 col-xs-12 pt-cv-content-item pt-cv-1-col\" ><div class='pt-cv-ifield'><a href=\"https:\/\/www.dmsjuridica.com\/buscador_20179478954\/corteconstitucionalcronologico202454587\/t-656-00\/\" class=\"_self pt-cv-href-thumbnail pt-cv-thumb-default\" target=\"_self\" ><\/a>\n<div class=\"pt-cv-taxoterm above_title\"><a href='https:\/\/www.dmsjuridica.com\/buscador_20179478954\/corteconstitucionalcronologico202454587\/category\/buscar-en-toda-la-corte\/2000\/tutelas-2000\/' title='Tutelas 2000' class='pt-cv-tax-tutelas-2000'>Tutelas 2000<\/a><\/div>\n<h4 class=\"pt-cv-title\"><a href=\"https:\/\/www.dmsjuridica.com\/buscador_20179478954\/corteconstitucionalcronologico202454587\/t-656-00\/\" class=\"_self\" target=\"_self\" >T-656-00<\/a><\/h4>\n<div class=\"pt-cv-content\">\u00a0 \u00a0 Sentencia T-656\/00 \u00a0 ACCION DE TUTELA-Criterios de procedencia para el pago cumplido de salarios \u00a0 ACCION DE TUTELA-Procedencia excepcional pago de acreencias laborales \u00a0 DERECHO AL MINIMO VITAL DEL TRABAJADOR-No afectaci\u00f3n por no pago de primas complementarias de salario a educadores \u00a0 Reiteracion de jurisprudencia\u00a0 \u00a0 Referencia: expedientes \u00a0 T-285393, T-285394, T-285395, T-285396, T-285397, \u00a0 T-285398, T-285399, T-285400, T-285401, T-285427,\u00a0 \u00a0 T-285459, T-285461, T-285466, T-285484, T-285487, \u00a0 T-285488, T-285489, T-285490, T-285491, T-285492,\u00a0 \u00a0 T-285563, T-285566, T-285568, T-285570, T-285576, \u00a0 T-285577, T-285578, T-285579, T-285580, T-285581, \u00a0 T-285582. T-285584, T-285585, T-285586, T-285587, \u00a0 T-285588, T-285589, T-285591, T-285594, T-285595, \u00a0 T-285596, ...<br \/><div class=\"pt-cv-rmwrap\"><a href=\"https:\/\/www.dmsjuridica.com\/buscador_20179478954\/corteconstitucionalcronologico202454587\/t-656-00\/\" class=\"_self pt-cv-readmore btn btn-success\" target=\"_self\">Ver Sentencia Completa...<\/a><\/div><\/div><\/div><\/div>\n<div class=\"col-md-12 col-sm-12 col-xs-12 pt-cv-content-item pt-cv-1-col\" ><div class='pt-cv-ifield'><a href=\"https:\/\/www.dmsjuridica.com\/buscador_20179478954\/corteconstitucionalcronologico202454587\/t-655-00\/\" class=\"_self pt-cv-href-thumbnail pt-cv-thumb-default\" target=\"_self\" ><\/a>\n<div class=\"pt-cv-taxoterm above_title\"><a href='https:\/\/www.dmsjuridica.com\/buscador_20179478954\/corteconstitucionalcronologico202454587\/category\/buscar-en-toda-la-corte\/2000\/tutelas-2000\/' title='Tutelas 2000' class='pt-cv-tax-tutelas-2000'>Tutelas 2000<\/a><\/div>\n<h4 class=\"pt-cv-title\"><a href=\"https:\/\/www.dmsjuridica.com\/buscador_20179478954\/corteconstitucionalcronologico202454587\/t-655-00\/\" class=\"_self\" target=\"_self\" >T-655-00<\/a><\/h4>\n<div class=\"pt-cv-content\">\u00a0 \u00a0 Sentencia T-655\/00 \u00a0 ACCION DE TUTELA-Improcedencia general pago de acreencias laborales\/MEDIO DE DEFENSA JUDICIAL-Incremento salarial \u00a0 DERECHO AL MINIMO VITAL-Prueba de la amenaza \u00a0 Referencia: expediente T-284.586 \u00a0 Acci\u00f3n de tutela instaurada por Placidia Garc\u00eda de Guerrero contra el Ministerio de Educaci\u00f3n Nacional, la Gobernaci\u00f3n de Santander y el Fondo Educativo Departamental (F.E.D.) \u00a0 Magistrado Ponente:\u00a0 \u00a0 Dr. ALVARO TAFUR GALVIS \u00a0 Santaf\u00e9 de Bogot\u00e1, D.C., seis (6) de junio del a\u00f1o dos mil (2000). \u00a0 La Sala Novena de Revisi\u00f3n de Tutelas de la Corte Constitucional integrada por los Magistrados Antonio Barrera Carbonell, Alfredo Beltr\u00e1n Sierra y ...<br \/><div class=\"pt-cv-rmwrap\"><a href=\"https:\/\/www.dmsjuridica.com\/buscador_20179478954\/corteconstitucionalcronologico202454587\/t-655-00\/\" class=\"_self pt-cv-readmore btn btn-success\" target=\"_self\">Ver Sentencia Completa...<\/a><\/div><\/div><\/div><\/div>\n<div class=\"col-md-12 col-sm-12 col-xs-12 pt-cv-content-item pt-cv-1-col\" ><div class='pt-cv-ifield'><a href=\"https:\/\/www.dmsjuridica.com\/buscador_20179478954\/corteconstitucionalcronologico202454587\/t-654-00\/\" class=\"_self pt-cv-href-thumbnail pt-cv-thumb-default\" target=\"_self\" ><\/a>\n<div class=\"pt-cv-taxoterm above_title\"><a href='https:\/\/www.dmsjuridica.com\/buscador_20179478954\/corteconstitucionalcronologico202454587\/category\/buscar-en-toda-la-corte\/2000\/tutelas-2000\/' title='Tutelas 2000' class='pt-cv-tax-tutelas-2000'>Tutelas 2000<\/a><\/div>\n<h4 class=\"pt-cv-title\"><a href=\"https:\/\/www.dmsjuridica.com\/buscador_20179478954\/corteconstitucionalcronologico202454587\/t-654-00\/\" class=\"_self\" target=\"_self\" >T-654-00<\/a><\/h4>\n<div class=\"pt-cv-content\">\u00a0 \u00a0 Sentencia T-654\/00 \u00a0 DERECHOS DEL NI\u00d1O-Protecci\u00f3n constitucional especial \u00a0 DERECHO AL SUBSIDIO FAMILIAR DEL NI\u00d1O-Protecci\u00f3n por tutela \u00a0 MEDIO DE DEFENSA JUDICIAL-Controversias sobre pago de salarios en cese de actividades \u00a0 La controversia generada entre una empresa y sus trabajadores por no haber recibido \u00e9stos el pago de sus salarios durante el tiempo de un paro o de una huelga escapa a la competencia del juez de tutela, en cuanto all\u00ed se discuten diferencias que encuentran soluci\u00f3n en las disposiciones legales vigentes, y normalmente no est\u00e1 de por medio la aplicaci\u00f3n de disposiciones constitucionales. \u00a0 Referencia: \u00a0expedientes \u00a0acumulados ...<br \/><div class=\"pt-cv-rmwrap\"><a href=\"https:\/\/www.dmsjuridica.com\/buscador_20179478954\/corteconstitucionalcronologico202454587\/t-654-00\/\" class=\"_self pt-cv-readmore btn btn-success\" target=\"_self\">Ver Sentencia Completa...<\/a><\/div><\/div><\/div><\/div>\n<div class=\"col-md-12 col-sm-12 col-xs-12 pt-cv-content-item pt-cv-1-col\" ><div class='pt-cv-ifield'><a href=\"https:\/\/www.dmsjuridica.com\/buscador_20179478954\/corteconstitucionalcronologico202454587\/t-653-00\/\" class=\"_self pt-cv-href-thumbnail pt-cv-thumb-default\" target=\"_self\" ><\/a>\n<div class=\"pt-cv-taxoterm above_title\"><a href='https:\/\/www.dmsjuridica.com\/buscador_20179478954\/corteconstitucionalcronologico202454587\/category\/buscar-en-toda-la-corte\/2000\/tutelas-2000\/' title='Tutelas 2000' class='pt-cv-tax-tutelas-2000'>Tutelas 2000<\/a><\/div>\n<h4 class=\"pt-cv-title\"><a href=\"https:\/\/www.dmsjuridica.com\/buscador_20179478954\/corteconstitucionalcronologico202454587\/t-653-00\/\" class=\"_self\" target=\"_self\" >T-653-00<\/a><\/h4>\n<div class=\"pt-cv-content\">\u00a0 \u00a0 Sentencia T-653\/00 \u00a0 ACCION DE TUTELA-Procedencia excepcional pago de mesadas pensionales \u00a0 DERECHO AL MINIMO VITAL DEL PENSIONADO-Presunci\u00f3n de afectaci\u00f3n por no pago oportuno de mesadas \u00a0 EMPLEADOR-Crisis econ\u00f3mica o presupuestal no exime el pago de mesadas pensionales \u00a0 Referencia: expedientes T- 291.699 y T-291.700 (acumulados) \u00a0 Magistrado Ponente:\u00a0 \u00a0 Dr. ALEJANDRO MART\u00cdNEZ CABALLERO \u00a0 Santa Fe de Bogot\u00e1, primero (1\u00ba) de junio de dos mil (2000) \u00a0 La Sala Sexta de Revisi\u00f3n de la Corte Constitucional, en ejercicio de sus competencias constitucionales y legales, ha proferido Sentencia en las acciones de tutela interpuestas, en forma separada, por ...<br \/><div class=\"pt-cv-rmwrap\"><a href=\"https:\/\/www.dmsjuridica.com\/buscador_20179478954\/corteconstitucionalcronologico202454587\/t-653-00\/\" class=\"_self pt-cv-readmore btn btn-success\" target=\"_self\">Ver Sentencia Completa...<\/a><\/div><\/div><\/div><\/div>\n<div class=\"col-md-12 col-sm-12 col-xs-12 pt-cv-content-item pt-cv-1-col\" ><div class='pt-cv-ifield'><a href=\"https:\/\/www.dmsjuridica.com\/buscador_20179478954\/corteconstitucionalcronologico202454587\/t-652-00\/\" class=\"_self pt-cv-href-thumbnail pt-cv-thumb-default\" target=\"_self\" ><\/a>\n<div class=\"pt-cv-taxoterm above_title\"><a href='https:\/\/www.dmsjuridica.com\/buscador_20179478954\/corteconstitucionalcronologico202454587\/category\/buscar-en-toda-la-corte\/2000\/tutelas-2000\/' title='Tutelas 2000' class='pt-cv-tax-tutelas-2000'>Tutelas 2000<\/a><\/div>\n<h4 class=\"pt-cv-title\"><a href=\"https:\/\/www.dmsjuridica.com\/buscador_20179478954\/corteconstitucionalcronologico202454587\/t-652-00\/\" class=\"_self\" target=\"_self\" >T-652-00<\/a><\/h4>\n<div class=\"pt-cv-content\">\u00a0 \u00a0 Sentencia T-652\/00 \u00a0 DERECHO AL PAGO OPORTUNO DEL SALARIO-Fundamental \u00a0 ACCION DE TUTELA TRANSITORIA PARA RECLAMO DE SALARIOS-Prueba requerida de que existe perjuicio irremediable \u00a0 REMUNERACION MINIMA VITAL Y MOVIL-No debe limitarse protecci\u00f3n a retribuci\u00f3n m\u00ednima del trabajo \u00a0 DERECHO AL MINIMO VITAL-Pago oportuno de salarios \u00a0 Referencia: expediente T-295455 \u00a0 Acci\u00f3n de tutela instaurada por Armando Ram\u00edrez Arciniegas contra el Hospital Federico Lleras Acosta. \u00a0 Procedencia: Juzgado 1\u00b0 de Familia de Ibagu\u00e9 \u00a0 Magistrado Ponente:\u00a0 \u00a0 Dr. ALEJANDRO MART\u00cdNEZ CABALLERO \u00a0 Santa Fe de Bogot\u00e1 D.C., primero (1) de junio de dos mil (2000). \u00a0 La Sala ...<br \/><div class=\"pt-cv-rmwrap\"><a href=\"https:\/\/www.dmsjuridica.com\/buscador_20179478954\/corteconstitucionalcronologico202454587\/t-652-00\/\" class=\"_self pt-cv-readmore btn btn-success\" target=\"_self\">Ver Sentencia Completa...<\/a><\/div><\/div><\/div><\/div>\n<div class=\"col-md-12 col-sm-12 col-xs-12 pt-cv-content-item pt-cv-1-col\" ><div class='pt-cv-ifield'><a href=\"https:\/\/www.dmsjuridica.com\/buscador_20179478954\/corteconstitucionalcronologico202454587\/t-651-00\/\" class=\"_self pt-cv-href-thumbnail pt-cv-thumb-default\" target=\"_self\" ><\/a>\n<div class=\"pt-cv-taxoterm above_title\"><a href='https:\/\/www.dmsjuridica.com\/buscador_20179478954\/corteconstitucionalcronologico202454587\/category\/buscar-en-toda-la-corte\/2000\/tutelas-2000\/' title='Tutelas 2000' class='pt-cv-tax-tutelas-2000'>Tutelas 2000<\/a><\/div>\n<h4 class=\"pt-cv-title\"><a href=\"https:\/\/www.dmsjuridica.com\/buscador_20179478954\/corteconstitucionalcronologico202454587\/t-651-00\/\" class=\"_self\" target=\"_self\" >T-651-00<\/a><\/h4>\n<div class=\"pt-cv-content\">\u00a0 \u00a0 Sentencia T-651\/00 \u00a0 DERECHO AL PAGO OPORTUNO DEL SALARIO-Fundamental \u00a0 REMUNERACION MINIMA VITAL Y MOVIL-No debe limitarse protecci\u00f3n a retribuci\u00f3n m\u00ednima del trabajo \u00a0 DERECHO AL MINIMO VITAL-Pago oportuno de salarios \u00a0 Referencia: expediente T- 291136 \u00a0 Acci\u00f3n de tutela instaurada por Jes\u00fas Alberto Mesias Ordo\u00f1ez contra el Hospital Universitario San Jos\u00e9 de Popay\u00e1n. \u00a0 Procedencia: Tribunal Superior de Popay\u00e1n. \u00a0 Magistrado Ponente:\u00a0 \u00a0 Dr. ALEJANDRO MART\u00cdNEZ CABALLERO \u00a0 Santa Fe de Bogot\u00e1 D.C., primero (1) de junio de dos mil (2000). \u00a0 La Sala Sexta de Revisi\u00f3n de la Corte Constitucional, integrada por los Magistrados Alejandro Mart\u00ednez ...<br \/><div class=\"pt-cv-rmwrap\"><a href=\"https:\/\/www.dmsjuridica.com\/buscador_20179478954\/corteconstitucionalcronologico202454587\/t-651-00\/\" class=\"_self pt-cv-readmore btn btn-success\" target=\"_self\">Ver Sentencia Completa...<\/a><\/div><\/div><\/div><\/div>\n<div class=\"col-md-12 col-sm-12 col-xs-12 pt-cv-content-item pt-cv-1-col\" ><div class='pt-cv-ifield'><a href=\"https:\/\/www.dmsjuridica.com\/buscador_20179478954\/corteconstitucionalcronologico202454587\/t-650-00\/\" class=\"_self pt-cv-href-thumbnail pt-cv-thumb-default\" target=\"_self\" ><\/a>\n<div class=\"pt-cv-taxoterm above_title\"><a href='https:\/\/www.dmsjuridica.com\/buscador_20179478954\/corteconstitucionalcronologico202454587\/category\/buscar-en-toda-la-corte\/2000\/tutelas-2000\/' title='Tutelas 2000' class='pt-cv-tax-tutelas-2000'>Tutelas 2000<\/a><\/div>\n<h4 class=\"pt-cv-title\"><a href=\"https:\/\/www.dmsjuridica.com\/buscador_20179478954\/corteconstitucionalcronologico202454587\/t-650-00\/\" class=\"_self\" target=\"_self\" >T-650-00<\/a><\/h4>\n<div class=\"pt-cv-content\">\u00a0 \u00a0 Sentencia T-650\/00 \u00a0 ACCION DE TUTELA-Improcedencia para decretar pensiones\/MEDIO DE DEFENSA JUDICIAL EFICAZ-Reconocimiento de pensiones \u00a0 Referencia: expediente T-289157 \u00a0 Acci\u00f3n de tutela instaurada por Francisco Antonio Escobar Mu\u00f1oz contra Fabrisedas S. A.. \u00a0 Procedencia: Juzgado 2\u00b0 Laboral \u00a0de Cali \u00a0 Magistrado Ponente: \u00a0 Santa Fe de Bogot\u00e1, D.C., primero (1) de junio de dos mil (2.000). \u00a0 La Sala Sexta de Revisi\u00f3n de la Corte Constitucional, integrada por los Magistrados doctores Fabio Mor\u00f3n D\u00edaz, Vladimiro Naranjo Mesa y Alejandro Mart\u00ednez Caballero, en ejercicio de sus competencias constitucionales y legales, ha proferido la siguiente\u00a0 \u00a0 SENTENCIA \u00a0 En ...<br \/><div class=\"pt-cv-rmwrap\"><a href=\"https:\/\/www.dmsjuridica.com\/buscador_20179478954\/corteconstitucionalcronologico202454587\/t-650-00\/\" class=\"_self pt-cv-readmore btn btn-success\" target=\"_self\">Ver Sentencia Completa...<\/a><\/div><\/div><\/div><\/div>\n<div class=\"col-md-12 col-sm-12 col-xs-12 pt-cv-content-item pt-cv-1-col\" ><div class='pt-cv-ifield'><a href=\"https:\/\/www.dmsjuridica.com\/buscador_20179478954\/corteconstitucionalcronologico202454587\/t-649-00\/\" class=\"_self pt-cv-href-thumbnail pt-cv-thumb-default\" target=\"_self\" ><\/a>\n<div class=\"pt-cv-taxoterm above_title\"><a href='https:\/\/www.dmsjuridica.com\/buscador_20179478954\/corteconstitucionalcronologico202454587\/category\/buscar-en-toda-la-corte\/2000\/tutelas-2000\/' title='Tutelas 2000' class='pt-cv-tax-tutelas-2000'>Tutelas 2000<\/a><\/div>\n<h4 class=\"pt-cv-title\"><a href=\"https:\/\/www.dmsjuridica.com\/buscador_20179478954\/corteconstitucionalcronologico202454587\/t-649-00\/\" class=\"_self\" target=\"_self\" >T-649-00<\/a><\/h4>\n<div class=\"pt-cv-content\">\u00a0 \u00a0 Sentencia T-649\/00 \u00a0 ACCION DE TUTELA-Carencia actual de objeto \u00a0 LEGITIMACION POR ACTIVA DEL SINDICATO-Representaci\u00f3n de asociados \u00a0 ACCION DE TUTELA INTERPUESTA POR SINDICATO-Protecci\u00f3n derechos fundamentales de sindicalizados \u00a0 Referencia: expediente T-262856 \u00a0 Acci\u00f3n de tutela instaurada por Elver Pimienta Effer contra el Gobernador de la Guajira. \u00a0 Magistrado Ponente: \u00a0 Dr. JOS\u00c9 GREGORIO HERN\u00c1NDEZ GALINDO \u00a0 Santa Fe de Bogot\u00e1, D.C., treinta y uno (31) de mayo de dos mil (2000). \u00a0 SENTENCIA \u00a0 que pone fin al proceso de revisi\u00f3n del fallo adoptado por la Sala Jurisdiccional Disciplinaria del Consejo Seccional de la Judicatura de la ...<br \/><div class=\"pt-cv-rmwrap\"><a href=\"https:\/\/www.dmsjuridica.com\/buscador_20179478954\/corteconstitucionalcronologico202454587\/t-649-00\/\" class=\"_self pt-cv-readmore btn btn-success\" target=\"_self\">Ver Sentencia Completa...<\/a><\/div><\/div><\/div><\/div>\n<div class=\"col-md-12 col-sm-12 col-xs-12 pt-cv-content-item pt-cv-1-col\" ><div class='pt-cv-ifield'><a href=\"https:\/\/www.dmsjuridica.com\/buscador_20179478954\/corteconstitucionalcronologico202454587\/t-648-00\/\" class=\"_self pt-cv-href-thumbnail pt-cv-thumb-default\" target=\"_self\" ><\/a>\n<div class=\"pt-cv-taxoterm above_title\"><a href='https:\/\/www.dmsjuridica.com\/buscador_20179478954\/corteconstitucionalcronologico202454587\/category\/buscar-en-toda-la-corte\/2000\/tutelas-2000\/' title='Tutelas 2000' class='pt-cv-tax-tutelas-2000'>Tutelas 2000<\/a><\/div>\n<h4 class=\"pt-cv-title\"><a href=\"https:\/\/www.dmsjuridica.com\/buscador_20179478954\/corteconstitucionalcronologico202454587\/t-648-00\/\" class=\"_self\" target=\"_self\" >T-648-00<\/a><\/h4>\n<div class=\"pt-cv-content\">ABUSO DEL DERECHO-Tr\u00e1mite para reconocimiento de pensi\u00f3n de vejez \u00a0 Es posible que a la demandada le asista raz\u00f3n en insistir que se efect\u00fae el traslado pensional, toda vez que mientras ello no se lleve a cabo, aqu\u00e9lla tendr\u00e1 que seguir cancelando la pensi\u00f3n del actor, pero lo que no puede hacer, a trav\u00e9s de las v\u00edas de hecho, es presionar al actor para que efect\u00fae todos los tr\u00e1mites que ello implique. Esa actitud constituye un claro abuso del derecho, pues al particular se le ha reconocido su prestaci\u00f3n a trav\u00e9s de un acto administrativo de car\u00e1cter particular, que goza ...<br \/><div class=\"pt-cv-rmwrap\"><a href=\"https:\/\/www.dmsjuridica.com\/buscador_20179478954\/corteconstitucionalcronologico202454587\/t-648-00\/\" class=\"_self pt-cv-readmore btn btn-success\" target=\"_self\">Ver Sentencia Completa...<\/a><\/div><\/div><\/div><\/div>\n<div class=\"col-md-12 col-sm-12 col-xs-12 pt-cv-content-item pt-cv-1-col\" ><div class='pt-cv-ifield'><a href=\"https:\/\/www.dmsjuridica.com\/buscador_20179478954\/corteconstitucionalcronologico202454587\/t-633-00\/\" class=\"_self pt-cv-href-thumbnail pt-cv-thumb-default\" target=\"_self\" ><\/a>\n<div class=\"pt-cv-taxoterm above_title\"><a href='https:\/\/www.dmsjuridica.com\/buscador_20179478954\/corteconstitucionalcronologico202454587\/category\/buscar-en-toda-la-corte\/2000\/tutelas-2000\/' title='Tutelas 2000' class='pt-cv-tax-tutelas-2000'>Tutelas 2000<\/a><\/div>\n<h4 class=\"pt-cv-title\"><a href=\"https:\/\/www.dmsjuridica.com\/buscador_20179478954\/corteconstitucionalcronologico202454587\/t-633-00\/\" class=\"_self\" target=\"_self\" >T-633-00<\/a><\/h4>\n<div class=\"pt-cv-content\">\u00a0 \u00a0 Sentencia T-633\/00 \u00a0 EMPLEADOR-Mora de aportes en salud \u00a0 EMPLEADOR-Asunci\u00f3n de responsabilidad por mora en aportes en seguridad social\/ENTIDAD PROMOTORA DE SALUD-Responsabilidad subsidiaria por mora en aportes a seguridad social \u00a0 DERECHO A LA SALUD DEL NI\u00d1O-Omisi\u00f3n pr\u00e1ctica de cirug\u00eda \u00a0 Reiteraci\u00f3n de jurisprudencia \u00a0 Referencia: expediente T-283254 \u00a0 Acci\u00f3n de tutela incoada por Ram\u00f3n Enrique G\u00f3mez contra Saludcoop- Seccional Segovia, Antioquia \u00a0 Magistrado Ponente: \u00a0 Dr. ALVARO TAFUR GALVIS. \u00a0 Santa Fe de Bogot\u00e1, D.C., a los treinta (30) d\u00edas del mes de mayo de dos mil (2000). \u00a0 La Sala Novena de Revisi\u00f3n de la Corte ...<br \/><div class=\"pt-cv-rmwrap\"><a href=\"https:\/\/www.dmsjuridica.com\/buscador_20179478954\/corteconstitucionalcronologico202454587\/t-633-00\/\" class=\"_self pt-cv-readmore btn btn-success\" target=\"_self\">Ver Sentencia Completa...<\/a><\/div><\/div><\/div><\/div>\n<div class=\"col-md-12 col-sm-12 col-xs-12 pt-cv-content-item pt-cv-1-col\" ><div class='pt-cv-ifield'><a href=\"https:\/\/www.dmsjuridica.com\/buscador_20179478954\/corteconstitucionalcronologico202454587\/t-632-00\/\" class=\"_self pt-cv-href-thumbnail pt-cv-thumb-default\" target=\"_self\" ><\/a>\n<div class=\"pt-cv-taxoterm above_title\"><a href='https:\/\/www.dmsjuridica.com\/buscador_20179478954\/corteconstitucionalcronologico202454587\/category\/buscar-en-toda-la-corte\/2000\/tutelas-2000\/' title='Tutelas 2000' class='pt-cv-tax-tutelas-2000'>Tutelas 2000<\/a><\/div>\n<h4 class=\"pt-cv-title\"><a href=\"https:\/\/www.dmsjuridica.com\/buscador_20179478954\/corteconstitucionalcronologico202454587\/t-632-00\/\" class=\"_self\" target=\"_self\" >T-632-00<\/a><\/h4>\n<div class=\"pt-cv-content\">\u00a0 \u00a0 Sentencia T-632\/00 \u00a0 DERECHO DE PETICION-T\u00e9rmino para resolver \u00a0 Reiteraci\u00f3n de jurisprudencia \u00a0 Referencia: expediente T-282409 \u00a0 Acci\u00f3n de tutela instaurada por Luis Eduardo Herrera Guti\u00e9rrez contra el Departamento de Cundinamarca. \u00a0 Magistrado Ponente: \u00a0 Dr. ALVARO TAFUR GALVIS \u00a0 Santa Fe de Bogot\u00e1, D.C., a los treinta (30) d\u00edas del mes de mayo de dos mil (2000). \u00a0 La Sala Novena de Revisi\u00f3n de la Corte Constitucional, en ejercicio de sus competencias constitucionales y legales, en especial las previstas en los art\u00edculos 86 y 241-9 de la Carta Pol\u00edtica y en el Decreto 2591 de 1991, ha ...<br \/><div class=\"pt-cv-rmwrap\"><a href=\"https:\/\/www.dmsjuridica.com\/buscador_20179478954\/corteconstitucionalcronologico202454587\/t-632-00\/\" class=\"_self pt-cv-readmore btn btn-success\" target=\"_self\">Ver Sentencia Completa...<\/a><\/div><\/div><\/div><\/div>\n<div class=\"col-md-12 col-sm-12 col-xs-12 pt-cv-content-item pt-cv-1-col\" ><div class='pt-cv-ifield'><a href=\"https:\/\/www.dmsjuridica.com\/buscador_20179478954\/corteconstitucionalcronologico202454587\/t-631-00\/\" class=\"_self pt-cv-href-thumbnail pt-cv-thumb-default\" target=\"_self\" ><\/a>\n<div class=\"pt-cv-taxoterm above_title\"><a href='https:\/\/www.dmsjuridica.com\/buscador_20179478954\/corteconstitucionalcronologico202454587\/category\/buscar-en-toda-la-corte\/2000\/tutelas-2000\/' title='Tutelas 2000' class='pt-cv-tax-tutelas-2000'>Tutelas 2000<\/a><\/div>\n<h4 class=\"pt-cv-title\"><a href=\"https:\/\/www.dmsjuridica.com\/buscador_20179478954\/corteconstitucionalcronologico202454587\/t-631-00\/\" class=\"_self\" target=\"_self\" >T-631-00<\/a><\/h4>\n<div class=\"pt-cv-content\">\u00a0 \u00a0 Sentencia T-631\/00 \u00a0 BONOS PENSIONALES-Procedencia de tutela para reclamar la remisi\u00f3n \u00a0 TRASLADO DE COTIZACIONES\/RECONOCIMIENTO DE TIEMPOS Y SEMANAS LABORADAS \u00a0 Reiteraci\u00f3n de Jurisprudencia \u00a0 Acci\u00f3n de tutela instaurada por Oscar Ceballos contra la Caja de Previsi\u00f3n Social de las Comunicaciones CAPRECOM y la Empresa Nacional de Telecomunicaciones, TELECOM.\u00a0 \u00a0 Magistrado ponente: \u00a0 Dr. ALVARO TAFUR GALVIS \u00a0 Santa Fe de Bogot\u00e1, D.C., a los treinta (30) d\u00edas del mes de mayo dos mil (2000). \u00a0 La Sala Novena de Revisi\u00f3n de la Corte Constitucional, en ejercicio de sus competencias constitucionales y legales, espec\u00edficamente las previstas en los ...<br \/><div class=\"pt-cv-rmwrap\"><a href=\"https:\/\/www.dmsjuridica.com\/buscador_20179478954\/corteconstitucionalcronologico202454587\/t-631-00\/\" class=\"_self pt-cv-readmore btn btn-success\" target=\"_self\">Ver Sentencia Completa...<\/a><\/div><\/div><\/div><\/div>\n<div class=\"col-md-12 col-sm-12 col-xs-12 pt-cv-content-item pt-cv-1-col\" ><div class='pt-cv-ifield'><a href=\"https:\/\/www.dmsjuridica.com\/buscador_20179478954\/corteconstitucionalcronologico202454587\/t-630-00\/\" class=\"_self pt-cv-href-thumbnail pt-cv-thumb-default\" target=\"_self\" ><\/a>\n<div class=\"pt-cv-taxoterm above_title\"><a href='https:\/\/www.dmsjuridica.com\/buscador_20179478954\/corteconstitucionalcronologico202454587\/category\/buscar-en-toda-la-corte\/2000\/tutelas-2000\/' title='Tutelas 2000' class='pt-cv-tax-tutelas-2000'>Tutelas 2000<\/a><\/div>\n<h4 class=\"pt-cv-title\"><a href=\"https:\/\/www.dmsjuridica.com\/buscador_20179478954\/corteconstitucionalcronologico202454587\/t-630-00\/\" class=\"_self\" target=\"_self\" >T-630-00<\/a><\/h4>\n<div class=\"pt-cv-content\">\u00a0 \u00a0 Sentencia T-630\/00 \u00a0 BONOS PENSIONALES-Procedencia de tutela para reclamar la remisi\u00f3n \u00a0 TRASLADO DE COTIZACIONES\/RECONOCIMIENTO DE TIEMPOS Y SEMANAS LABORADAS \u00a0 BONOS PENSIONALES-Traslado efectivo \u00a0 BONOS PENSIONALES-Ultima entidad empleadora reconoce y expide la totalidad \u00a0 Reiteraci\u00f3n de Jurisprudencia \u00a0 Referencia: expediente T-282394 \u00a0 Acci\u00f3n de tutela instaurada por Gustavo Adolfo Pel\u00e1ez Torres contra el Municipio de Medell\u00edn. \u00a0 Magistrado ponente: \u00a0 Dr. ALVARO TAFUR GALVIS \u00a0 Santa Fe de Bogot\u00e1, D.C., a los treinta (30) d\u00edas del mes de mayo dos mil (2000). \u00a0 La Sala Novena de Revisi\u00f3n de la Corte Constitucional, en ejercicio de sus competencias ...<br \/><div class=\"pt-cv-rmwrap\"><a href=\"https:\/\/www.dmsjuridica.com\/buscador_20179478954\/corteconstitucionalcronologico202454587\/t-630-00\/\" class=\"_self pt-cv-readmore btn btn-success\" target=\"_self\">Ver Sentencia Completa...<\/a><\/div><\/div><\/div><\/div>\n<div class=\"col-md-12 col-sm-12 col-xs-12 pt-cv-content-item pt-cv-1-col\" ><div class='pt-cv-ifield'><a href=\"https:\/\/www.dmsjuridica.com\/buscador_20179478954\/corteconstitucionalcronologico202454587\/t-629-00\/\" class=\"_self pt-cv-href-thumbnail pt-cv-thumb-default\" target=\"_self\" ><\/a>\n<div class=\"pt-cv-taxoterm above_title\"><a href='https:\/\/www.dmsjuridica.com\/buscador_20179478954\/corteconstitucionalcronologico202454587\/category\/buscar-en-toda-la-corte\/2000\/tutelas-2000\/' title='Tutelas 2000' class='pt-cv-tax-tutelas-2000'>Tutelas 2000<\/a><\/div>\n<h4 class=\"pt-cv-title\"><a href=\"https:\/\/www.dmsjuridica.com\/buscador_20179478954\/corteconstitucionalcronologico202454587\/t-629-00\/\" class=\"_self\" target=\"_self\" >T-629-00<\/a><\/h4>\n<div class=\"pt-cv-content\">\u00a0 \u00a0 Sentencia T-629\/00 \u00a0 DERECHO DE PETICION-Pronta resoluci\u00f3n \u00a0 DERECHO DE PETICION-No constituye respuesta informaci\u00f3n suministrada al juez de tutela \u00a0 Reiteraci\u00f3n de jurisprudencia \u00a0 Referencia: expediente T-282163 \u00a0 Acci\u00f3n de tutela instaurada por Jes\u00fas Arnoldo Rom\u00e1n Franco contra el Instituto de Seguro Social \u00a0 Magistrado Ponente: \u00a0 Dr. ALVARO TAFUR GALVIS\u00a0 \u00a0 Santa Fe de Bogot\u00e1, D.C., a los treinta (30) d\u00edas del mes de mayo de dos mil (2000). \u00a0 La Sala Novena de Revisi\u00f3n de la Corte Constitucional, en ejercicio de sus competencias constitucionales y legales, en especial las previstas en los art\u00edculos 86 y 241-9 ...<br \/><div class=\"pt-cv-rmwrap\"><a href=\"https:\/\/www.dmsjuridica.com\/buscador_20179478954\/corteconstitucionalcronologico202454587\/t-629-00\/\" class=\"_self pt-cv-readmore btn btn-success\" target=\"_self\">Ver Sentencia Completa...<\/a><\/div><\/div><\/div><\/div>\n<div class=\"col-md-12 col-sm-12 col-xs-12 pt-cv-content-item pt-cv-1-col\" ><div class='pt-cv-ifield'><a href=\"https:\/\/www.dmsjuridica.com\/buscador_20179478954\/corteconstitucionalcronologico202454587\/t-628-00\/\" class=\"_self pt-cv-href-thumbnail pt-cv-thumb-default\" target=\"_self\" ><\/a>\n<div class=\"pt-cv-taxoterm above_title\"><a href='https:\/\/www.dmsjuridica.com\/buscador_20179478954\/corteconstitucionalcronologico202454587\/category\/buscar-en-toda-la-corte\/2000\/tutelas-2000\/' title='Tutelas 2000' class='pt-cv-tax-tutelas-2000'>Tutelas 2000<\/a><\/div>\n<h4 class=\"pt-cv-title\"><a href=\"https:\/\/www.dmsjuridica.com\/buscador_20179478954\/corteconstitucionalcronologico202454587\/t-628-00\/\" class=\"_self\" target=\"_self\" >T-628-00<\/a><\/h4>\n<div class=\"pt-cv-content\">\u00a0 \u00a0 Sentencia T-628\/00 \u00a0 DERECHO DE PETICION-Resoluci\u00f3n de fondo \u00a0 DERECHO DE PETICION-T\u00e9rmino para responder sobre reconocimiento y pago de pensi\u00f3n gracia \u00a0 Reiteraci\u00f3n de Jurisprudencia \u00a0 Referencia: expediente T-281983 \u00a0 Acci\u00f3n de tutela interpuesta por Gildardo de Jes\u00fas Tamayo Giraldo contra la Caja Nacional de Previsi\u00f3n Social. \u00a0 \u00a0 \u00a0 Magistrado Ponente: \u00a0 Dr. ALVARO TAFUR GALVIS. \u00a0 Santaf\u00e9 de Bogot\u00e1, D.C. a los treinta (30) d\u00edas del mes de mayo de dos mil (2000).\u00a0 \u00a0 SENTENCIA \u00a0 en el proceso de tutela adelantado por Gildardo de Jes\u00fas Tamayo Giraldo contra la Caja Nacional de Previsi\u00f3n Social. \u00a0 ...<br \/><div class=\"pt-cv-rmwrap\"><a href=\"https:\/\/www.dmsjuridica.com\/buscador_20179478954\/corteconstitucionalcronologico202454587\/t-628-00\/\" class=\"_self pt-cv-readmore btn btn-success\" target=\"_self\">Ver Sentencia Completa...<\/a><\/div><\/div><\/div><\/div>\n<div class=\"col-md-12 col-sm-12 col-xs-12 pt-cv-content-item pt-cv-1-col\" ><div class='pt-cv-ifield'><a href=\"https:\/\/www.dmsjuridica.com\/buscador_20179478954\/corteconstitucionalcronologico202454587\/t-627-00\/\" class=\"_self pt-cv-href-thumbnail pt-cv-thumb-default\" target=\"_self\" ><\/a>\n<div class=\"pt-cv-taxoterm above_title\"><a href='https:\/\/www.dmsjuridica.com\/buscador_20179478954\/corteconstitucionalcronologico202454587\/category\/buscar-en-toda-la-corte\/2000\/tutelas-2000\/' title='Tutelas 2000' class='pt-cv-tax-tutelas-2000'>Tutelas 2000<\/a><\/div>\n<h4 class=\"pt-cv-title\"><a href=\"https:\/\/www.dmsjuridica.com\/buscador_20179478954\/corteconstitucionalcronologico202454587\/t-627-00\/\" class=\"_self\" target=\"_self\" >T-627-00<\/a><\/h4>\n<div class=\"pt-cv-content\">ACCION DE TUTELA-Procedencia excepcional pago de mesadas pensionales por afectaci\u00f3n del m\u00ednimo vital \u00a0 PENSION DE SOBREVIVIENTES-Interrupci\u00f3n que impedir\u00eda continuaci\u00f3n de estudios\/PENSION DE SOBREVIVIENTES-Hijo mayor de dieciocho y hasta veinticinco a\u00f1os incapacitado para trabajador por estudios \u00a0 Reiteraci\u00f3n de jurisprudencia \u00a0 Referencia: expediente T-281480 \u00a0 Acci\u00f3n de tutela incoada por Diana Mar\u00eda Perdomo S\u00e1nchez contra el Instituto de Seguro Social, Sede Nacional de Santa Fe de Bogot\u00e1. \u00a0 Magistrado ponente: \u00a0 Dr. ALVARO TAFUR GALVIS. \u00a0 Santa Fe de Bogot\u00e1, D.C., a los treinta (30) d\u00edas del mes de mayo dos mil (2000). \u00a0 La Sala Novena de Revisi\u00f3n de ...<br \/><div class=\"pt-cv-rmwrap\"><a href=\"https:\/\/www.dmsjuridica.com\/buscador_20179478954\/corteconstitucionalcronologico202454587\/t-627-00\/\" class=\"_self pt-cv-readmore btn btn-success\" target=\"_self\">Ver Sentencia Completa...<\/a><\/div><\/div><\/div><\/div>\n<div class=\"col-md-12 col-sm-12 col-xs-12 pt-cv-content-item pt-cv-1-col\" ><div class='pt-cv-ifield'><a href=\"https:\/\/www.dmsjuridica.com\/buscador_20179478954\/corteconstitucionalcronologico202454587\/t-626-00\/\" class=\"_self pt-cv-href-thumbnail pt-cv-thumb-default\" target=\"_self\" ><\/a>\n<div class=\"pt-cv-taxoterm above_title\"><a href='https:\/\/www.dmsjuridica.com\/buscador_20179478954\/corteconstitucionalcronologico202454587\/category\/buscar-en-toda-la-corte\/2000\/tutelas-2000\/' title='Tutelas 2000' class='pt-cv-tax-tutelas-2000'>Tutelas 2000<\/a><\/div>\n<h4 class=\"pt-cv-title\"><a href=\"https:\/\/www.dmsjuridica.com\/buscador_20179478954\/corteconstitucionalcronologico202454587\/t-626-00\/\" class=\"_self\" target=\"_self\" >T-626-00<\/a><\/h4>\n<div class=\"pt-cv-content\">\u00a0 \u00a0 Sentencia T-626\/00\u00a0 \u00a0 MEDIO DE DEFENSA JUDICIAL-Eficacia \u00a0 DERECHO A LA VIVIENDA DIGNA-Fundamental por conexidad \u00a0 ACCION DE TUTELA-Procedencia\/MEDIO DE DEFENSA JUDICIAL-Apreciaci\u00f3n por el juez constitucional en relaci\u00f3n con los derechos fundamentales \u00a0 Cuando se persigue la protecci\u00f3n de derechos fundamentales de las personas, el juez constitucional debe determinar sobre la procedencia de la acci\u00f3n de tutela, a trav\u00e9s del examen de las circunstancias del caso concreto y de la valoraci\u00f3n de la eficacia de los medios de defensa judicial ordinarios con que cuente el interesado para adelantar esa defensa; de tal forma que, el amparo superior resulta ...<br \/><div class=\"pt-cv-rmwrap\"><a href=\"https:\/\/www.dmsjuridica.com\/buscador_20179478954\/corteconstitucionalcronologico202454587\/t-626-00\/\" class=\"_self pt-cv-readmore btn btn-success\" target=\"_self\">Ver Sentencia Completa...<\/a><\/div><\/div><\/div><\/div>\n<div class=\"col-md-12 col-sm-12 col-xs-12 pt-cv-content-item pt-cv-1-col\" ><div class='pt-cv-ifield'><a href=\"https:\/\/www.dmsjuridica.com\/buscador_20179478954\/corteconstitucionalcronologico202454587\/t-625-00\/\" class=\"_self pt-cv-href-thumbnail pt-cv-thumb-default\" target=\"_self\" ><\/a>\n<div class=\"pt-cv-taxoterm above_title\"><a href='https:\/\/www.dmsjuridica.com\/buscador_20179478954\/corteconstitucionalcronologico202454587\/category\/buscar-en-toda-la-corte\/2000\/tutelas-2000\/' title='Tutelas 2000' class='pt-cv-tax-tutelas-2000'>Tutelas 2000<\/a><\/div>\n<h4 class=\"pt-cv-title\"><a href=\"https:\/\/www.dmsjuridica.com\/buscador_20179478954\/corteconstitucionalcronologico202454587\/t-625-00\/\" class=\"_self\" target=\"_self\" >T-625-00<\/a><\/h4>\n<div class=\"pt-cv-content\">\u00a0 \u00a0 Sentencia T-625\/00 \u00a0 DERECHO AL TRABAJO-Vulneraci\u00f3n\/ACCION DE TUTELA-Hecho superado \u00a0 La vulneraci\u00f3n del derecho al trabajo se produce cuando una acci\u00f3n u omisi\u00f3n arbitraria de las autoridades limita injustificadamente el ejercicio de una actividad laboral leg\u00edtima. En estas circunstancias, siempre que no exista otro medio de defensa y que la vulneraci\u00f3n del derecho sea real o inminente, podr\u00e1 proceder la acci\u00f3n de tutela. En los t\u00e9rminos anteriores, queda claro que la resoluci\u00f3n a trav\u00e9s de la cual la administraci\u00f3n cancel\u00f3 la tarjeta de operaci\u00f3n del veh\u00edculo de propiedad del actor, lesionaba su derecho al trabajo pues, sin justificaci\u00f3n ...<br \/><div class=\"pt-cv-rmwrap\"><a href=\"https:\/\/www.dmsjuridica.com\/buscador_20179478954\/corteconstitucionalcronologico202454587\/t-625-00\/\" class=\"_self pt-cv-readmore btn btn-success\" target=\"_self\">Ver Sentencia Completa...<\/a><\/div><\/div><\/div><\/div>\n<div class=\"col-md-12 col-sm-12 col-xs-12 pt-cv-content-item pt-cv-1-col\" ><div class='pt-cv-ifield'><a href=\"https:\/\/www.dmsjuridica.com\/buscador_20179478954\/corteconstitucionalcronologico202454587\/t-624-00\/\" class=\"_self pt-cv-href-thumbnail pt-cv-thumb-default\" target=\"_self\" ><\/a>\n<div class=\"pt-cv-taxoterm above_title\"><a href='https:\/\/www.dmsjuridica.com\/buscador_20179478954\/corteconstitucionalcronologico202454587\/category\/buscar-en-toda-la-corte\/2000\/tutelas-2000\/' title='Tutelas 2000' class='pt-cv-tax-tutelas-2000'>Tutelas 2000<\/a><\/div>\n<h4 class=\"pt-cv-title\"><a href=\"https:\/\/www.dmsjuridica.com\/buscador_20179478954\/corteconstitucionalcronologico202454587\/t-624-00\/\" class=\"_self\" target=\"_self\" >T-624-00<\/a><\/h4>\n<div class=\"pt-cv-content\">\u00a0 \u00a0 Sentencia T-624\/00 \u00a0 RECURSO DE AMPARO-Procedencia \u00a0 La Corte Constitucional ha expresado que el recurso de amparo es procedente - e incluso constituye la v\u00eda judicial principal - cuando se trata de exigir que en los nombramientos que realicen las entidades estatales para cargos de carrera administrativa se respeten los resultados de las oposiciones, de manera tal que las personas que ocupen los primeros lugares en los mencionados concursos de m\u00e9ritos sean las que reciban las designaciones, todo ello en desarrollo del principio de igualdad que debe regir estas materias.\u00a0 \u00a0 CONCURSO DE MERITOS-Nombramiento de magistrados de salas ...<br \/><div class=\"pt-cv-rmwrap\"><a href=\"https:\/\/www.dmsjuridica.com\/buscador_20179478954\/corteconstitucionalcronologico202454587\/t-624-00\/\" class=\"_self pt-cv-readmore btn btn-success\" target=\"_self\">Ver Sentencia Completa...<\/a><\/div><\/div><\/div><\/div>\n<div class=\"col-md-12 col-sm-12 col-xs-12 pt-cv-content-item pt-cv-1-col\" ><div class='pt-cv-ifield'><a href=\"https:\/\/www.dmsjuridica.com\/buscador_20179478954\/corteconstitucionalcronologico202454587\/t-623-00\/\" class=\"_self pt-cv-href-thumbnail pt-cv-thumb-default\" target=\"_self\" ><\/a>\n<div class=\"pt-cv-taxoterm above_title\"><a href='https:\/\/www.dmsjuridica.com\/buscador_20179478954\/corteconstitucionalcronologico202454587\/category\/buscar-en-toda-la-corte\/2000\/tutelas-2000\/' title='Tutelas 2000' class='pt-cv-tax-tutelas-2000'>Tutelas 2000<\/a><\/div>\n<h4 class=\"pt-cv-title\"><a href=\"https:\/\/www.dmsjuridica.com\/buscador_20179478954\/corteconstitucionalcronologico202454587\/t-623-00\/\" class=\"_self\" target=\"_self\" >T-623-00<\/a><\/h4>\n<div class=\"pt-cv-content\">\u00a0 \u00a0 Sentencia T-623\/00 \u00a0 DERECHO A LA SALUD DEL NI\u00d1O-Fundamental \u00a0 PLAN OBLIGATORIO DE SALUD-Exclusi\u00f3n de procedimientos e intervenciones quir\u00fargicas \u00a0 La reglamentaci\u00f3n o aplicaci\u00f3n del Plan Obligatorio de Salud no puede desconocer los derechos constitucionales fundamentales de las personas, lo cual ocurre cuando las empresas promotoras de salud, interpretando de manera restrictiva dicha reglamentaci\u00f3n, omiten la pr\u00e1ctica de procedimientos e intervenciones quir\u00fargicas directamente relacionados con la dignidad o vida de los pacientes, con el argumento equivocado de que no se encuentran incluidos en el plan obligatorio de salud. \u00a0 PLAN OBLIGATORIO DE SALUD-Cubrimiento de cirug\u00eda que no tiene ...<br \/><div class=\"pt-cv-rmwrap\"><a href=\"https:\/\/www.dmsjuridica.com\/buscador_20179478954\/corteconstitucionalcronologico202454587\/t-623-00\/\" class=\"_self pt-cv-readmore btn btn-success\" target=\"_self\">Ver Sentencia Completa...<\/a><\/div><\/div><\/div><\/div>\n<div class=\"col-md-12 col-sm-12 col-xs-12 pt-cv-content-item pt-cv-1-col\" ><div class='pt-cv-ifield'><a href=\"https:\/\/www.dmsjuridica.com\/buscador_20179478954\/corteconstitucionalcronologico202454587\/t-622-00\/\" class=\"_self pt-cv-href-thumbnail pt-cv-thumb-default\" target=\"_self\" ><\/a>\n<div class=\"pt-cv-taxoterm above_title\"><a href='https:\/\/www.dmsjuridica.com\/buscador_20179478954\/corteconstitucionalcronologico202454587\/category\/buscar-en-toda-la-corte\/2000\/tutelas-2000\/' title='Tutelas 2000' class='pt-cv-tax-tutelas-2000'>Tutelas 2000<\/a><\/div>\n<h4 class=\"pt-cv-title\"><a href=\"https:\/\/www.dmsjuridica.com\/buscador_20179478954\/corteconstitucionalcronologico202454587\/t-622-00\/\" class=\"_self\" target=\"_self\" >T-622-00<\/a><\/h4>\n<div class=\"pt-cv-content\">\u00a0 \u00a0 Sentencia T-622\/00 \u00a0 JUEZ DE TUTELA-Derechos invocados\/FALLO DE TUTELA EXTRA PETITA\/FALLO DE TUTELA ULTRA PETITA\/ESTADO SOCIAL DE DERECHO-Vigencia de derechos constitucionales \u00a0 DERECHO A LA SALUD-Fundamental por conexidad con la vida \u00a0 DERECHO A LA SALUD DEL NI\u00d1O-Fundamental \u00a0 NI\u00d1O DISCAPACITADO-Trato muy especial\/NI\u00d1O DISCAPACITADO-Protecci\u00f3n en salud \u00a0 ESTADO-Obligaci\u00f3n de prestar plan de atenci\u00f3n b\u00e1sica en salud\/ENTIDAD PROMOTORA DE SALUD-Prestaci\u00f3n plan obligatorio de salud \u00a0 SISTEMA DE SEGURIDAD SOCIAL EN SALUD-Asunci\u00f3n de responsabilidad por empleador al no entregar aportes descontados \u00a0 RELACION DEL PACIENTE CON ENTIDAD PROMOTORA DE SALUD-Entrega de medicinas aunque no est\u00e9 en listado oficial se\u00f1alado por ...<br \/><div class=\"pt-cv-rmwrap\"><a href=\"https:\/\/www.dmsjuridica.com\/buscador_20179478954\/corteconstitucionalcronologico202454587\/t-622-00\/\" class=\"_self pt-cv-readmore btn btn-success\" target=\"_self\">Ver Sentencia Completa...<\/a><\/div><\/div><\/div><\/div>\n<div class=\"col-md-12 col-sm-12 col-xs-12 pt-cv-content-item pt-cv-1-col\" ><div class='pt-cv-ifield'><a href=\"https:\/\/www.dmsjuridica.com\/buscador_20179478954\/corteconstitucionalcronologico202454587\/t-621-00\/\" class=\"_self pt-cv-href-thumbnail pt-cv-thumb-default\" target=\"_self\" ><\/a>\n<div class=\"pt-cv-taxoterm above_title\"><a href='https:\/\/www.dmsjuridica.com\/buscador_20179478954\/corteconstitucionalcronologico202454587\/category\/buscar-en-toda-la-corte\/2000\/tutelas-2000\/' title='Tutelas 2000' class='pt-cv-tax-tutelas-2000'>Tutelas 2000<\/a><\/div>\n<h4 class=\"pt-cv-title\"><a href=\"https:\/\/www.dmsjuridica.com\/buscador_20179478954\/corteconstitucionalcronologico202454587\/t-621-00\/\" class=\"_self\" target=\"_self\" >T-621-00<\/a><\/h4>\n<div class=\"pt-cv-content\">\u00a0 \u00a0 Sentencia T-621\/00 \u00a0 DERECHO AL PAGO OPORTUNO DEL SALARIO-Fundamental \u00a0 ACCION DE TUTELA TRANSITORIA PARA RECLAMO DE SALARIOS-Prueba requerida de que existe perjuicio irremediable \u00a0 REMUNERACION MINIMA VITAL Y MOVIL-Medici\u00f3n que no agota el concepto \u00a0 DERECHO AL PAGO OPORTUNO DEL SALARIO-Determinaci\u00f3n de cantidades debidas y \u00f3rdenes del juez \u00a0 Referencia: expediente T-289254, 289981, 291362, 290654, 291627, 298788, 298841, 294830 \u00a0 \u00a0 \u00a0 Acci\u00f3n de tutela instaurada por Luis Eduardo Guerrero y otros contra la Personer\u00eda, la \u00a0Alcald\u00eda y la Secretar\u00eda de Hacienda de Barranquilla. \u00a0 Procedencia: Juzgado 7\u00ba Penal Municipal de Barranquilla y otros. \u00a0 Magistrado Ponente: ...<br \/><div class=\"pt-cv-rmwrap\"><a href=\"https:\/\/www.dmsjuridica.com\/buscador_20179478954\/corteconstitucionalcronologico202454587\/t-621-00\/\" class=\"_self pt-cv-readmore btn btn-success\" target=\"_self\">Ver Sentencia Completa...<\/a><\/div><\/div><\/div><\/div>\n<div class=\"col-md-12 col-sm-12 col-xs-12 pt-cv-content-item pt-cv-1-col\" ><div class='pt-cv-ifield'><a href=\"https:\/\/www.dmsjuridica.com\/buscador_20179478954\/corteconstitucionalcronologico202454587\/t-620-00\/\" class=\"_self pt-cv-href-thumbnail pt-cv-thumb-default\" target=\"_self\" ><\/a>\n<div class=\"pt-cv-taxoterm above_title\"><a href='https:\/\/www.dmsjuridica.com\/buscador_20179478954\/corteconstitucionalcronologico202454587\/category\/buscar-en-toda-la-corte\/2000\/tutelas-2000\/' title='Tutelas 2000' class='pt-cv-tax-tutelas-2000'>Tutelas 2000<\/a><\/div>\n<h4 class=\"pt-cv-title\"><a href=\"https:\/\/www.dmsjuridica.com\/buscador_20179478954\/corteconstitucionalcronologico202454587\/t-620-00\/\" class=\"_self\" target=\"_self\" >T-620-00<\/a><\/h4>\n<div class=\"pt-cv-content\">\u00a0 \u00a0 Sentencia T-620\/00 \u00a0 DERECHO AL PAGO OPORTUNO DEL SALARIO-Fundamental \u00a0 ACCION DE TUTELA TRANSITORIA PARA RECLAMO DE SALARIOS-Prueba requerida de que existe perjuicio irremediable \u00a0 REMUNERACION MINIMA VITAL Y MOVIL-Medici\u00f3n que no agota el concepto \u00a0 DERECHO AL PAGO OPORTUNO DEL SALARIO-Determinaci\u00f3n de cantidades debidas y \u00f3rdenes del juez \u00a0 Referencia: expediente T- 292554 \u00a0 Acci\u00f3n de tutela instaurada por Esther \u00a0Villar \u00a0y otros contra el Concejo de Barranquilla y otros \u00a0 Procedencia: Tribunal Superior, Sala Penal Barranquilla. \u00a0 Magistrado Ponente: \u00a0 Santa Fe de Bogot\u00e1, D.C., \u00a0veintinueve (29) de mayo del dos mil (2.000). \u00a0 La Sala ...<br \/><div class=\"pt-cv-rmwrap\"><a href=\"https:\/\/www.dmsjuridica.com\/buscador_20179478954\/corteconstitucionalcronologico202454587\/t-620-00\/\" class=\"_self pt-cv-readmore btn btn-success\" target=\"_self\">Ver Sentencia Completa...<\/a><\/div><\/div><\/div><\/div>\n<div class=\"col-md-12 col-sm-12 col-xs-12 pt-cv-content-item pt-cv-1-col\" ><div class='pt-cv-ifield'><a href=\"https:\/\/www.dmsjuridica.com\/buscador_20179478954\/corteconstitucionalcronologico202454587\/t-619-00\/\" class=\"_self pt-cv-href-thumbnail pt-cv-thumb-default\" target=\"_self\" ><\/a>\n<div class=\"pt-cv-taxoterm above_title\"><a href='https:\/\/www.dmsjuridica.com\/buscador_20179478954\/corteconstitucionalcronologico202454587\/category\/buscar-en-toda-la-corte\/2000\/tutelas-2000\/' title='Tutelas 2000' class='pt-cv-tax-tutelas-2000'>Tutelas 2000<\/a><\/div>\n<h4 class=\"pt-cv-title\"><a href=\"https:\/\/www.dmsjuridica.com\/buscador_20179478954\/corteconstitucionalcronologico202454587\/t-619-00\/\" class=\"_self\" target=\"_self\" >T-619-00<\/a><\/h4>\n<div class=\"pt-cv-content\">\u00a0 \u00a0 Sentencia T-619\/00 \u00a0 ACCION DE TUTELA-Procedencia excepcional pago de mesadas pensionales\/DERECHO AL MINIMO VITAL DEL PENSIONADO-Pago oportuno de mesadas \u00a0 EMPLEADOR-Crisis econ\u00f3mica o presupuestal no es \u00f3bice para desconocer pago de mesadas pensionales \u00a0 DERECHO A LA SEGURIDAD SOCIAL DEL PENSIONADO-IFI Concesi\u00f3n Salinas entidad encargada de pagar las mesadas \u00a0 El problema ha radicado en que tanto el IFI como el IFI-Concesi\u00f3n Salinas han tratado de esquivar la obligaci\u00f3n y han planteado trasladarla al Estado. De las pruebas que s\u00ed obran en los expedientes se colige que evidentemente los peticionarios son jubilados del IFI-Concesi\u00f3n Salinas, entidad que les ...<br \/><div class=\"pt-cv-rmwrap\"><a href=\"https:\/\/www.dmsjuridica.com\/buscador_20179478954\/corteconstitucionalcronologico202454587\/t-619-00\/\" class=\"_self pt-cv-readmore btn btn-success\" target=\"_self\">Ver Sentencia Completa...<\/a><\/div><\/div><\/div><\/div>\n<div class=\"col-md-12 col-sm-12 col-xs-12 pt-cv-content-item pt-cv-1-col\" ><div class='pt-cv-ifield'><a href=\"https:\/\/www.dmsjuridica.com\/buscador_20179478954\/corteconstitucionalcronologico202454587\/t-618-00\/\" class=\"_self pt-cv-href-thumbnail pt-cv-thumb-default\" target=\"_self\" ><\/a>\n<div class=\"pt-cv-taxoterm above_title\"><a href='https:\/\/www.dmsjuridica.com\/buscador_20179478954\/corteconstitucionalcronologico202454587\/category\/buscar-en-toda-la-corte\/2000\/tutelas-2000\/' title='Tutelas 2000' class='pt-cv-tax-tutelas-2000'>Tutelas 2000<\/a><\/div>\n<h4 class=\"pt-cv-title\"><a href=\"https:\/\/www.dmsjuridica.com\/buscador_20179478954\/corteconstitucionalcronologico202454587\/t-618-00\/\" class=\"_self\" target=\"_self\" >T-618-00<\/a><\/h4>\n<div class=\"pt-cv-content\">\u00a0 \u00a0 Sentencia T-618\/00 \u00a0 PRINCIPIO DE UNIVERSALIDAD DEL SISTEMA DE SEGURIDAD SOCIAL EN SALUD-Protecci\u00f3n \u00a0 PRINCIPIO DE SOLIDARIDAD EN SALUD-Alcance \u00a0 El primer encargado de su salud es la propia persona y si es mayor de edad con mayor raz\u00f3n. Sin embargo, el Estado, la familia y la sociedad solidariamente deben contribuir a un eficiente cubrimiento universal en salud. En materia de salud la solidaridad tiene como una de sus manifestaciones el cubrimiento de quienes la ley considera como beneficiarios del servicio. La solidaridad tambi\u00e9n aparece dentro de los deberes constitucionales.\u00a0 \u00a0 PRINCIPIO DE CONTINUIDAD EN EL SERVICIO PUBLICO ...<br \/><div class=\"pt-cv-rmwrap\"><a href=\"https:\/\/www.dmsjuridica.com\/buscador_20179478954\/corteconstitucionalcronologico202454587\/t-618-00\/\" class=\"_self pt-cv-readmore btn btn-success\" target=\"_self\">Ver Sentencia Completa...<\/a><\/div><\/div><\/div><\/div>\n<div class=\"col-md-12 col-sm-12 col-xs-12 pt-cv-content-item pt-cv-1-col\" ><div class='pt-cv-ifield'><a href=\"https:\/\/www.dmsjuridica.com\/buscador_20179478954\/corteconstitucionalcronologico202454587\/t-617-00\/\" class=\"_self pt-cv-href-thumbnail pt-cv-thumb-default\" target=\"_self\" ><\/a>\n<div class=\"pt-cv-taxoterm above_title\"><a href='https:\/\/www.dmsjuridica.com\/buscador_20179478954\/corteconstitucionalcronologico202454587\/category\/buscar-en-toda-la-corte\/2000\/tutelas-2000\/' title='Tutelas 2000' class='pt-cv-tax-tutelas-2000'>Tutelas 2000<\/a><\/div>\n<h4 class=\"pt-cv-title\"><a href=\"https:\/\/www.dmsjuridica.com\/buscador_20179478954\/corteconstitucionalcronologico202454587\/t-617-00\/\" class=\"_self\" target=\"_self\" >T-617-00<\/a><\/h4>\n<div class=\"pt-cv-content\">\u00a0 \u00a0 Sentencia T-617\/00 \u00a0 DERECHO A LA SALUD-Conexidad con la vida \u00a0 ACCION DE TUTELA-Protecci\u00f3n preventiva y no solo en casos de gravedad \u00a0 DERECHO A LA SALUD-Pr\u00e1ctica de ex\u00e1menes \u00a0 ACCION DE TUTELA-Hecho superado \u00a0 Referencia: expediente T-290320 \u00a0 Accionante: Juana Mar\u00eda Casta\u00f1o Arenas.\u00a0 \u00a0 Accionado: Instituto de Seguros Sociales.\u00a0 \u00a0 Magistrado Ponente: \u00a0 Dr. ALEJANDRO MARTINEZ CABALLERO \u00a0 Santa Fe de Bogot\u00e1, D.C., \u00a0veintinueve \u00a0(29) de mayo de dos mil (2000).\u00a0 \u00a0 La Sala Sexta de Revisi\u00f3n de la Corte Constitucional, integrada por los Magistrados doctores Fabio Mor\u00f3n D\u00edaz, Vladimiro Naranjo Mesa y Alejandro Mart\u00ednez Caballero, quien ...<br \/><div class=\"pt-cv-rmwrap\"><a href=\"https:\/\/www.dmsjuridica.com\/buscador_20179478954\/corteconstitucionalcronologico202454587\/t-617-00\/\" class=\"_self pt-cv-readmore btn btn-success\" target=\"_self\">Ver Sentencia Completa...<\/a><\/div><\/div><\/div><\/div>\n<div class=\"col-md-12 col-sm-12 col-xs-12 pt-cv-content-item pt-cv-1-col\" ><div class='pt-cv-ifield'><a href=\"https:\/\/www.dmsjuridica.com\/buscador_20179478954\/corteconstitucionalcronologico202454587\/t-616-00\/\" class=\"_self pt-cv-href-thumbnail pt-cv-thumb-default\" target=\"_self\" ><\/a>\n<div class=\"pt-cv-taxoterm above_title\"><a href='https:\/\/www.dmsjuridica.com\/buscador_20179478954\/corteconstitucionalcronologico202454587\/category\/buscar-en-toda-la-corte\/2000\/tutelas-2000\/' title='Tutelas 2000' class='pt-cv-tax-tutelas-2000'>Tutelas 2000<\/a><\/div>\n<h4 class=\"pt-cv-title\"><a href=\"https:\/\/www.dmsjuridica.com\/buscador_20179478954\/corteconstitucionalcronologico202454587\/t-616-00\/\" class=\"_self\" target=\"_self\" >T-616-00<\/a><\/h4>\n<div class=\"pt-cv-content\">\u00a0 \u00a0 Sentencia T-616\/00 \u00a0 DERECHO AL PAGO OPORTUNO DEL SALARIO-Fundamental \u00a0 SALARIO-Sumas que deben integrarse para efectos del significado y pago oportuno \u00a0 ACCION DE TUTELA TRANSITORIA PARA RECLAMO DE SALARIOS-Prueba requerida de que existe perjuicio irremediable \u00a0 REMUNERACION MINIMA VITAL Y MOVIL-No debe limitarse protecci\u00f3n a retribuci\u00f3n m\u00ednima de trabajo \u00a0 DERECHO AL PAGO OPORTUNO DEL SALARIO-Determinaci\u00f3n de cantidades debidas y \u00f3rdenes del juez \u00a0 Referencia: expediente T-293645 y T-295470\u00a0 \u00a0 Acciones de tutela instaurada por Jos\u00e9 L\u00f3pez y Jorge G\u00f3mez contra el Municipio de Salamina. \u00a0 Procedencia: Juzgado 2\u00b0 Civil Municipal de Salamina \u00a0 Magistrado Ponente:\u00a0 \u00a0 ...<br \/><div class=\"pt-cv-rmwrap\"><a href=\"https:\/\/www.dmsjuridica.com\/buscador_20179478954\/corteconstitucionalcronologico202454587\/t-616-00\/\" class=\"_self pt-cv-readmore btn btn-success\" target=\"_self\">Ver Sentencia Completa...<\/a><\/div><\/div><\/div><\/div>\n<div class=\"col-md-12 col-sm-12 col-xs-12 pt-cv-content-item pt-cv-1-col\" ><div class='pt-cv-ifield'><a href=\"https:\/\/www.dmsjuridica.com\/buscador_20179478954\/corteconstitucionalcronologico202454587\/t-615-00\/\" class=\"_self pt-cv-href-thumbnail pt-cv-thumb-default\" target=\"_self\" ><\/a>\n<div class=\"pt-cv-taxoterm above_title\"><a href='https:\/\/www.dmsjuridica.com\/buscador_20179478954\/corteconstitucionalcronologico202454587\/category\/buscar-en-toda-la-corte\/2000\/tutelas-2000\/' title='Tutelas 2000' class='pt-cv-tax-tutelas-2000'>Tutelas 2000<\/a><\/div>\n<h4 class=\"pt-cv-title\"><a href=\"https:\/\/www.dmsjuridica.com\/buscador_20179478954\/corteconstitucionalcronologico202454587\/t-615-00\/\" class=\"_self\" target=\"_self\" >T-615-00<\/a><\/h4>\n<div class=\"pt-cv-content\">\u00a0 \u00a0 Sentencia T-615\/00 \u00a0 SALARIO-Sumas que deben integrarse para efectos del significado y pago oportuno \u00a0 ACCION DE TUTELA TRANSITORIA PARA RECLAMO DE SALARIOS-Prueba requerida de que existe perjuicio irremediable \u00a0 En cuanto a la viabilidad de la acci\u00f3n de tutela, como mecanismo transitorio, \u00a0para reclamar los salarios en mora, ello es posible si se est\u00e1 ante un perjuicio irremediable que pone en peligro el derecho fundamental a la subsistencia y los dem\u00e1s derechos conexos, \u201cen todos los casos en los que no se encuentre debidamente acreditado que el trabajador cuenta con rentas suficientes y distintas de las que ...<br \/><div class=\"pt-cv-rmwrap\"><a href=\"https:\/\/www.dmsjuridica.com\/buscador_20179478954\/corteconstitucionalcronologico202454587\/t-615-00\/\" class=\"_self pt-cv-readmore btn btn-success\" target=\"_self\">Ver Sentencia Completa...<\/a><\/div><\/div><\/div><\/div>\n<div class=\"col-md-12 col-sm-12 col-xs-12 pt-cv-content-item pt-cv-1-col\" ><div class='pt-cv-ifield'><a href=\"https:\/\/www.dmsjuridica.com\/buscador_20179478954\/corteconstitucionalcronologico202454587\/t-614-00\/\" class=\"_self pt-cv-href-thumbnail pt-cv-thumb-default\" target=\"_self\" ><\/a>\n<div class=\"pt-cv-taxoterm above_title\"><a href='https:\/\/www.dmsjuridica.com\/buscador_20179478954\/corteconstitucionalcronologico202454587\/category\/buscar-en-toda-la-corte\/2000\/tutelas-2000\/' title='Tutelas 2000' class='pt-cv-tax-tutelas-2000'>Tutelas 2000<\/a><\/div>\n<h4 class=\"pt-cv-title\"><a href=\"https:\/\/www.dmsjuridica.com\/buscador_20179478954\/corteconstitucionalcronologico202454587\/t-614-00\/\" class=\"_self\" target=\"_self\" >T-614-00<\/a><\/h4>\n<div class=\"pt-cv-content\">\u00a0 \u00a0 Sentencia T-614\/00 \u00a0 DERECHO DE PETICION-Pronta resoluci\u00f3n y decisi\u00f3n de fondo\/DERECHO DE PETICION-T\u00e9rmino para resolver \u00a0 Referencia: expediente T-298.976 y T-298.978 (acumulados) \u00a0 Magistrado Ponente:\u00a0 \u00a0 Dr. ALEJANDRO MART\u00cdNEZ CABALLERO \u00a0 Santa Fe de Bogot\u00e1, veintinueve (29) de mayo de dos mil (2000) \u00a0 La Sala Sexta de Revisi\u00f3n de la Corte Constitucional, en ejercicio de sus competencias constitucionales y legales, ha proferido Sentencia en las acciones de tutela interpuestas, en forma separada y a trav\u00e9s de apoderado, por Doris Edilma Puentes Torres y Maria Luz Lara Herrera contra el Fondo de Prestaciones Sociales del Magisterio -Seccional Cundinamarca-.\u00a0 ...<br \/><div class=\"pt-cv-rmwrap\"><a href=\"https:\/\/www.dmsjuridica.com\/buscador_20179478954\/corteconstitucionalcronologico202454587\/t-614-00\/\" class=\"_self pt-cv-readmore btn btn-success\" target=\"_self\">Ver Sentencia Completa...<\/a><\/div><\/div><\/div><\/div>\n<div class=\"col-md-12 col-sm-12 col-xs-12 pt-cv-content-item pt-cv-1-col\" ><div class='pt-cv-ifield'><a href=\"https:\/\/www.dmsjuridica.com\/buscador_20179478954\/corteconstitucionalcronologico202454587\/t-613-00\/\" class=\"_self pt-cv-href-thumbnail pt-cv-thumb-default\" target=\"_self\" ><\/a>\n<div class=\"pt-cv-taxoterm above_title\"><a href='https:\/\/www.dmsjuridica.com\/buscador_20179478954\/corteconstitucionalcronologico202454587\/category\/buscar-en-toda-la-corte\/2000\/tutelas-2000\/' title='Tutelas 2000' class='pt-cv-tax-tutelas-2000'>Tutelas 2000<\/a><\/div>\n<h4 class=\"pt-cv-title\"><a href=\"https:\/\/www.dmsjuridica.com\/buscador_20179478954\/corteconstitucionalcronologico202454587\/t-613-00\/\" class=\"_self\" target=\"_self\" >T-613-00<\/a><\/h4>\n<div class=\"pt-cv-content\">\u00a0 \u00a0 Sentencia T-613\/00 \u00a0 ACCION DE TUTELA-Hecho consumado \u00a0 DERECHO DE PETICION-Pronta resoluci\u00f3n y decisi\u00f3n de fondo \u00a0 DERECHO DE PETICION-Diferencia con lo pedido \u00a0 Referencia: expediente T- 289.469 \u00a0 Magistrado Ponente:\u00a0 \u00a0 Dr. ALEJANDRO MART\u00cdNEZ CABALLERO \u00a0 Santa Fe de Bogot\u00e1, veintinueve (29) de mayo de dos mil (2000) \u00a0 La Sala Sexta de Revisi\u00f3n de la Corte Constitucional, en ejercicio de sus competencias constitucionales y legales, ha proferido Sentencia en la acci\u00f3n de tutela interpuesta por Manuel Guillermo Alvarez Bustamante contra la Caja Nacional de Previsi\u00f3n \u00a0 I. ANTECEDENTES \u00a0 1. Hechos\u00a0 \u00a0 - El primero de ...<br \/><div class=\"pt-cv-rmwrap\"><a href=\"https:\/\/www.dmsjuridica.com\/buscador_20179478954\/corteconstitucionalcronologico202454587\/t-613-00\/\" class=\"_self pt-cv-readmore btn btn-success\" target=\"_self\">Ver Sentencia Completa...<\/a><\/div><\/div><\/div><\/div>\n<div class=\"col-md-12 col-sm-12 col-xs-12 pt-cv-content-item pt-cv-1-col\" ><div class='pt-cv-ifield'><a href=\"https:\/\/www.dmsjuridica.com\/buscador_20179478954\/corteconstitucionalcronologico202454587\/t-612-00\/\" class=\"_self pt-cv-href-thumbnail pt-cv-thumb-default\" target=\"_self\" ><\/a>\n<div class=\"pt-cv-taxoterm above_title\"><a href='https:\/\/www.dmsjuridica.com\/buscador_20179478954\/corteconstitucionalcronologico202454587\/category\/buscar-en-toda-la-corte\/2000\/tutelas-2000\/' title='Tutelas 2000' class='pt-cv-tax-tutelas-2000'>Tutelas 2000<\/a><\/div>\n<h4 class=\"pt-cv-title\"><a href=\"https:\/\/www.dmsjuridica.com\/buscador_20179478954\/corteconstitucionalcronologico202454587\/t-612-00\/\" class=\"_self\" target=\"_self\" >T-612-00<\/a><\/h4>\n<div class=\"pt-cv-content\">\u00a0 \u00a0 Sentencia T-612\/00 \u00a0 ACCION DE TUTELA-Improcedencia general pago de mesadas pensionales atrasadas\/ACCION DE TUTELA-Procedencia excepcional pago de mesadas pensionales atrasadas \u00a0 DERECHO AL MINIMO VITAL DEL PENSIONADO-Pago de mesadas atrasadas \u00a0 EMPLEADOR-Crisis econ\u00f3mica o presupuestal no es \u00f3bice para desconocer pago de mesadas pensionales \u00a0 ACCION DE TUTELA-Pago oportuno de mesadas pensionales ciertas e indiscutibles \u00a0 ACCION DE TUTELA-Improcedencia para ordenar reliquidaci\u00f3n de pensiones\/MEDIO DE DEFENSA JUDICIAL-Solicitud reliquidaci\u00f3n de pensiones \u00a0 Las pretensiones de reliquidaci\u00f3n pensional presentadas por la accionante, en modo alguno pueden ser resueltas por medio del mecanismo preferente y sumario de la tutela, teniendo en ...<br \/><div class=\"pt-cv-rmwrap\"><a href=\"https:\/\/www.dmsjuridica.com\/buscador_20179478954\/corteconstitucionalcronologico202454587\/t-612-00\/\" class=\"_self pt-cv-readmore btn btn-success\" target=\"_self\">Ver Sentencia Completa...<\/a><\/div><\/div><\/div><\/div>\n<div class=\"col-md-12 col-sm-12 col-xs-12 pt-cv-content-item pt-cv-1-col\" ><div class='pt-cv-ifield'><a href=\"https:\/\/www.dmsjuridica.com\/buscador_20179478954\/corteconstitucionalcronologico202454587\/t-611-00\/\" class=\"_self pt-cv-href-thumbnail pt-cv-thumb-default\" target=\"_self\" ><\/a>\n<div class=\"pt-cv-taxoterm above_title\"><a href='https:\/\/www.dmsjuridica.com\/buscador_20179478954\/corteconstitucionalcronologico202454587\/category\/buscar-en-toda-la-corte\/2000\/tutelas-2000\/' title='Tutelas 2000' class='pt-cv-tax-tutelas-2000'>Tutelas 2000<\/a><\/div>\n<h4 class=\"pt-cv-title\"><a href=\"https:\/\/www.dmsjuridica.com\/buscador_20179478954\/corteconstitucionalcronologico202454587\/t-611-00\/\" class=\"_self\" target=\"_self\" >T-611-00<\/a><\/h4>\n<div class=\"pt-cv-content\">\u00a0 \u00a0 Sentencia \u00a0T-611\/00 \u00a0 INTERNO-Restricci\u00f3n y protecci\u00f3n de derechos \u00a0 ADMINISTRACION CARCELARIA-Sujeci\u00f3n de los internos \u00a0 Frente a la Administraci\u00f3n carcelaria, el preso o el interno se encuentra en una especial situaci\u00f3n de sujeci\u00f3n, por lo que sus pol\u00edticas, dise\u00f1adas y formuladas por el Estado, tendientes a la resocializaci\u00f3n y readaptaci\u00f3n a la vida social de los internos, ubican a \u00e9sta en una posici\u00f3n preponderante, la cual se manifiesta en el poder disciplinario, cuyos l\u00edmites est\u00e1n determinados, a su vez, por el reconocimiento de los derechos de los internos y por los correspondientes derechos estatales que se derivan de ...<br \/><div class=\"pt-cv-rmwrap\"><a href=\"https:\/\/www.dmsjuridica.com\/buscador_20179478954\/corteconstitucionalcronologico202454587\/t-611-00\/\" class=\"_self pt-cv-readmore btn btn-success\" target=\"_self\">Ver Sentencia Completa...<\/a><\/div><\/div><\/div><\/div>\n<div class=\"col-md-12 col-sm-12 col-xs-12 pt-cv-content-item pt-cv-1-col\" ><div class='pt-cv-ifield'><a href=\"https:\/\/www.dmsjuridica.com\/buscador_20179478954\/corteconstitucionalcronologico202454587\/t-610-00\/\" class=\"_self pt-cv-href-thumbnail pt-cv-thumb-default\" target=\"_self\" ><\/a>\n<div class=\"pt-cv-taxoterm above_title\"><a href='https:\/\/www.dmsjuridica.com\/buscador_20179478954\/corteconstitucionalcronologico202454587\/category\/buscar-en-toda-la-corte\/2000\/tutelas-2000\/' title='Tutelas 2000' class='pt-cv-tax-tutelas-2000'>Tutelas 2000<\/a><\/div>\n<h4 class=\"pt-cv-title\"><a href=\"https:\/\/www.dmsjuridica.com\/buscador_20179478954\/corteconstitucionalcronologico202454587\/t-610-00\/\" class=\"_self\" target=\"_self\" >T-610-00<\/a><\/h4>\n<div class=\"pt-cv-content\">\u00a0 \u00a0 Sentencia T-610\/00 \u00a0 DERECHO A LA SALUD DEL NI\u00d1O-Fundamental\/PREVALENCIA DE DERECHOS DEL NI\u00d1O \u00a0 ENTIDAD PROMOTORA DE SALUD-Tratamiento de persona de escasos recursos sin cumplir periodos m\u00ednimos de cotizaci\u00f3n \u00a0 INAPLICACION DE NORMAS-Protecci\u00f3n derechos fundamentales de menores \u00a0 ENTIDAD PROMOTORA DE SALUD-Repetici\u00f3n por costo de cirug\u00eda y tratamiento \u00a0 Referencia: expediente T-291.329 \u00a0 Acci\u00f3n de tutela contra la firma Cruz Blanca EPS y la Secretar\u00eda Distrital de Salud por una presunta violaci\u00f3n de los derechos a la vida, la salud, la igualdad, la seguridad social, y los de los ni\u00f1os. \u00a0 Tema: \u00a0 Suministro de tratamientos sin cumplir ...<br \/><div class=\"pt-cv-rmwrap\"><a href=\"https:\/\/www.dmsjuridica.com\/buscador_20179478954\/corteconstitucionalcronologico202454587\/t-610-00\/\" class=\"_self pt-cv-readmore btn btn-success\" target=\"_self\">Ver Sentencia Completa...<\/a><\/div><\/div><\/div><\/div>\n<div class=\"col-md-12 col-sm-12 col-xs-12 pt-cv-content-item pt-cv-1-col\" ><div class='pt-cv-ifield'><a href=\"https:\/\/www.dmsjuridica.com\/buscador_20179478954\/corteconstitucionalcronologico202454587\/t-609-00\/\" class=\"_self pt-cv-href-thumbnail pt-cv-thumb-default\" target=\"_self\" ><\/a>\n<div class=\"pt-cv-taxoterm above_title\"><a href='https:\/\/www.dmsjuridica.com\/buscador_20179478954\/corteconstitucionalcronologico202454587\/category\/buscar-en-toda-la-corte\/2000\/tutelas-2000\/' title='Tutelas 2000' class='pt-cv-tax-tutelas-2000'>Tutelas 2000<\/a><\/div>\n<h4 class=\"pt-cv-title\"><a href=\"https:\/\/www.dmsjuridica.com\/buscador_20179478954\/corteconstitucionalcronologico202454587\/t-609-00\/\" class=\"_self\" target=\"_self\" >T-609-00<\/a><\/h4>\n<div class=\"pt-cv-content\">\u00a0 \u00a0 Sentencia T-609\/00 \u00a0 SEGURO SOCIAL-Omisi\u00f3n para tr\u00e1mite de pensi\u00f3n de invalidez \u00a0 Ya que el Instituto de Seguros Sociales omiti\u00f3 pronunciarse sobre los hechos alegados por el actor, es dable presumir que no ha tramitado la solicitud de pensi\u00f3n de invalidez de \u00e9ste. El reporte aludido s\u00f3lo indica que los datos de una de esas dependencias, la encargada de recaudar las cotizaciones, no han sido incorporados al registro hist\u00f3rico que lleva la otra. De esa manera, en ning\u00fan caso puede aceptarse que la actuaci\u00f3n de la entidad demandada sea leg\u00edtima. Si no constan en el registro hist\u00f3rico las ...<br \/><div class=\"pt-cv-rmwrap\"><a href=\"https:\/\/www.dmsjuridica.com\/buscador_20179478954\/corteconstitucionalcronologico202454587\/t-609-00\/\" class=\"_self pt-cv-readmore btn btn-success\" target=\"_self\">Ver Sentencia Completa...<\/a><\/div><\/div><\/div><\/div>\n<div class=\"col-md-12 col-sm-12 col-xs-12 pt-cv-content-item pt-cv-1-col\" ><div class='pt-cv-ifield'><a href=\"https:\/\/www.dmsjuridica.com\/buscador_20179478954\/corteconstitucionalcronologico202454587\/t-608-00\/\" class=\"_self pt-cv-href-thumbnail pt-cv-thumb-default\" target=\"_self\" ><\/a>\n<div class=\"pt-cv-taxoterm above_title\"><a href='https:\/\/www.dmsjuridica.com\/buscador_20179478954\/corteconstitucionalcronologico202454587\/category\/buscar-en-toda-la-corte\/2000\/tutelas-2000\/' title='Tutelas 2000' class='pt-cv-tax-tutelas-2000'>Tutelas 2000<\/a><\/div>\n<h4 class=\"pt-cv-title\"><a href=\"https:\/\/www.dmsjuridica.com\/buscador_20179478954\/corteconstitucionalcronologico202454587\/t-608-00\/\" class=\"_self\" target=\"_self\" >T-608-00<\/a><\/h4>\n<div class=\"pt-cv-content\">\u00a0 \u00a0 Sentencia T-608\/00 \u00a0 JURISPRUDENCIA CONSTITUCIONAL-Criterio auxiliar \u00a0 IMPUGNACION FALLO DE TUTELA-Legitimaci\u00f3n de tercero interesado \u00a0 El tercero que se admite en el proceso de tutela como coadyuvante de una de las partes, es aqu\u00e9l cuyo derecho puede resultar afectado por la sentencia que adopte el juez de amparo y, por tal raz\u00f3n, a quien se debe garantizar el derecho a la defensa de su inter\u00e9s en el proceso; si a esa persona se le niega legitimidad para impugnar la decisi\u00f3n de primera instancia que le resulte adversa, por la sola raz\u00f3n de que la parte demandada omiti\u00f3 interponer ...<br \/><div class=\"pt-cv-rmwrap\"><a href=\"https:\/\/www.dmsjuridica.com\/buscador_20179478954\/corteconstitucionalcronologico202454587\/t-608-00\/\" class=\"_self pt-cv-readmore btn btn-success\" target=\"_self\">Ver Sentencia Completa...<\/a><\/div><\/div><\/div><\/div>\n<div class=\"col-md-12 col-sm-12 col-xs-12 pt-cv-content-item pt-cv-1-col\" ><div class='pt-cv-ifield'><a href=\"https:\/\/www.dmsjuridica.com\/buscador_20179478954\/corteconstitucionalcronologico202454587\/t-607-00\/\" class=\"_self pt-cv-href-thumbnail pt-cv-thumb-default\" target=\"_self\" ><\/a>\n<div class=\"pt-cv-taxoterm above_title\"><a href='https:\/\/www.dmsjuridica.com\/buscador_20179478954\/corteconstitucionalcronologico202454587\/category\/buscar-en-toda-la-corte\/2000\/tutelas-2000\/' title='Tutelas 2000' class='pt-cv-tax-tutelas-2000'>Tutelas 2000<\/a><\/div>\n<h4 class=\"pt-cv-title\"><a href=\"https:\/\/www.dmsjuridica.com\/buscador_20179478954\/corteconstitucionalcronologico202454587\/t-607-00\/\" class=\"_self\" target=\"_self\" >T-607-00<\/a><\/h4>\n<div class=\"pt-cv-content\">\u00a0 \u00a0 Sentencia T-607\/00 \u00a0 DETENCION DOMICILIARIA-Finalidad \u00a0 La figura de la detenci\u00f3n domiciliaria consiste en la posibilidad de que una persona vinculada a la investigaci\u00f3n de un hecho punible, a la cual se le ha dictado medida de aseguramiento de detenci\u00f3n preventiva, pueda seguir vinculada al proceso, aunque la privaci\u00f3n de la libertad se lleve a cabo en su domicilio, de manera sustitutiva. \u00a0 FUNCIONARIO JUDICIAL EN PROCESO PENAL-Distinci\u00f3n de elementos que estructuran un caso \u00a0 La Fiscal demandada se limit\u00f3 a negar el beneficio solicitado por la sindicada sin atender las circunstancias particulares que rodean la situaci\u00f3n de ...<br \/><div class=\"pt-cv-rmwrap\"><a href=\"https:\/\/www.dmsjuridica.com\/buscador_20179478954\/corteconstitucionalcronologico202454587\/t-607-00\/\" class=\"_self pt-cv-readmore btn btn-success\" target=\"_self\">Ver Sentencia Completa...<\/a><\/div><\/div><\/div><\/div>\n<div class=\"col-md-12 col-sm-12 col-xs-12 pt-cv-content-item pt-cv-1-col\" ><div class='pt-cv-ifield'><a href=\"https:\/\/www.dmsjuridica.com\/buscador_20179478954\/corteconstitucionalcronologico202454587\/t-606-00\/\" class=\"_self pt-cv-href-thumbnail pt-cv-thumb-default\" target=\"_self\" ><\/a>\n<div class=\"pt-cv-taxoterm above_title\"><a href='https:\/\/www.dmsjuridica.com\/buscador_20179478954\/corteconstitucionalcronologico202454587\/category\/buscar-en-toda-la-corte\/2000\/tutelas-2000\/' title='Tutelas 2000' class='pt-cv-tax-tutelas-2000'>Tutelas 2000<\/a><\/div>\n<h4 class=\"pt-cv-title\"><a href=\"https:\/\/www.dmsjuridica.com\/buscador_20179478954\/corteconstitucionalcronologico202454587\/t-606-00\/\" class=\"_self\" target=\"_self\" >T-606-00<\/a><\/h4>\n<div class=\"pt-cv-content\">\u00a0 \u00a0 Sentencia T-606\/00 \u00a0 CONCILIACION-Alcance \u00a0 ACCION DE TUTELA-Improcedencia para cumplimiento de acuerdos conciliatorios \u00a0 Constituye regla general en materia del amparo tutelar, que la jurisdicci\u00f3n constitucional debe pronunciarse sobre controversias de orden estrictamente constitucional; por lo tanto, resultan ajenas a la misma las discusiones que surjan respecto del derecho sobre el cual ha reca\u00eddo la conciliaci\u00f3n, cuando el mismo es de \u00edndole econ\u00f3mica, en tanto que las discusiones de orden legal escapan a ese radio de acci\u00f3n de garant\u00edas superiores, pues las mismas presentan unos instrumentos procesales propios para su tr\u00e1mite y resoluci\u00f3n. En el caso sub examine, ...<br \/><div class=\"pt-cv-rmwrap\"><a href=\"https:\/\/www.dmsjuridica.com\/buscador_20179478954\/corteconstitucionalcronologico202454587\/t-606-00\/\" class=\"_self pt-cv-readmore btn btn-success\" target=\"_self\">Ver Sentencia Completa...<\/a><\/div><\/div><\/div><\/div>\n<div class=\"col-md-12 col-sm-12 col-xs-12 pt-cv-content-item pt-cv-1-col\" ><div class='pt-cv-ifield'><a href=\"https:\/\/www.dmsjuridica.com\/buscador_20179478954\/corteconstitucionalcronologico202454587\/t-605-00\/\" class=\"_self pt-cv-href-thumbnail pt-cv-thumb-default\" target=\"_self\" ><\/a>\n<div class=\"pt-cv-taxoterm above_title\"><a href='https:\/\/www.dmsjuridica.com\/buscador_20179478954\/corteconstitucionalcronologico202454587\/category\/buscar-en-toda-la-corte\/2000\/tutelas-2000\/' title='Tutelas 2000' class='pt-cv-tax-tutelas-2000'>Tutelas 2000<\/a><\/div>\n<h4 class=\"pt-cv-title\"><a href=\"https:\/\/www.dmsjuridica.com\/buscador_20179478954\/corteconstitucionalcronologico202454587\/t-605-00\/\" class=\"_self\" target=\"_self\" >T-605-00<\/a><\/h4>\n<div class=\"pt-cv-content\">\u00a0 \u00a0 Sentencia T-605\/00 \u00a0 ACCION DE TUTELA-Subsidiariedad \u00a0 DERECHO AL MINIMO VITAL DEL TRABAJADOR-Presunci\u00f3n de afectaci\u00f3n por ausencia prolongada en pago de salarios \u00a0 ACCION DE TUTELA-Improcedencia general pago de acreencias laborales \u00a0 DERECHO AL MINIMO VITAL DEL TRABAJADOR-No afectaci\u00f3n por no pago de primas complementarias de salario a educadores \u00a0 Referencia: expedientes \u00a0 T-283367, T-283380, T-283407, T-283408, T-283409, T-283447, T-283469, T-283775, T-283781, T-283791, T-283792, T-283793, T-283794, T-283804, T-283805, T-283809, T-283867, T-283875, T-284103, T-284104, T-284105, T-284106, T-284127, T-284128, T-284129. T-284131, T-284132, T-284134, T-284161, T-284163, T-284165, T-284168, T-284171, T-284180, T-284181, T-284182, T-284183, T-284200, T-284201, T-284204, T-284205, T-284206, T-284208, T-284209, T-284210, ...<br \/><div class=\"pt-cv-rmwrap\"><a href=\"https:\/\/www.dmsjuridica.com\/buscador_20179478954\/corteconstitucionalcronologico202454587\/t-605-00\/\" class=\"_self pt-cv-readmore btn btn-success\" target=\"_self\">Ver Sentencia Completa...<\/a><\/div><\/div><\/div><\/div>\n<div class=\"col-md-12 col-sm-12 col-xs-12 pt-cv-content-item pt-cv-1-col\" ><div class='pt-cv-ifield'><a href=\"https:\/\/www.dmsjuridica.com\/buscador_20179478954\/corteconstitucionalcronologico202454587\/t-595-00\/\" class=\"_self pt-cv-href-thumbnail pt-cv-thumb-default\" target=\"_self\" ><\/a>\n<div class=\"pt-cv-taxoterm above_title\"><a href='https:\/\/www.dmsjuridica.com\/buscador_20179478954\/corteconstitucionalcronologico202454587\/category\/buscar-en-toda-la-corte\/2000\/tutelas-2000\/' title='Tutelas 2000' class='pt-cv-tax-tutelas-2000'>Tutelas 2000<\/a><\/div>\n<h4 class=\"pt-cv-title\"><a href=\"https:\/\/www.dmsjuridica.com\/buscador_20179478954\/corteconstitucionalcronologico202454587\/t-595-00\/\" class=\"_self\" target=\"_self\" >T-595-00<\/a><\/h4>\n<div class=\"pt-cv-content\">\u00a0 \u00a0 Sentencia T-595\/00 \u00a0 MATERNIDAD-Protecci\u00f3n integral\/LICENCIA DE MATERNIDAD-Objeto \u00a0 La protecci\u00f3n integral a la maternidad est\u00e1 conformada no solo por la atenci\u00f3n m\u00e9dica y hospitalaria que la madre y al ni\u00f1o requieren desde la concepci\u00f3n, sino adicionalmente por la necesidad de proporcionar a la madre un clima de paz y tranquilidad en el trabajo y garantizarle los recursos requeridos para que en en el tiempo corto, irrecuperable y transcendente de las semanas siguiente al alumbramiento, estreche a\u00fan m\u00e1s los lazos afectivos necesarios para hacer del reci\u00e9n nacido un ser humano dotado de virtudes.\u00a0 \u00a0 LICENCIA DE MATERNIDAD-Remuneraci\u00f3n \u00a0 El ...<br \/><div class=\"pt-cv-rmwrap\"><a href=\"https:\/\/www.dmsjuridica.com\/buscador_20179478954\/corteconstitucionalcronologico202454587\/t-595-00\/\" class=\"_self pt-cv-readmore btn btn-success\" target=\"_self\">Ver Sentencia Completa...<\/a><\/div><\/div><\/div><\/div>\n<div class=\"col-md-12 col-sm-12 col-xs-12 pt-cv-content-item pt-cv-1-col\" ><div class='pt-cv-ifield'><a href=\"https:\/\/www.dmsjuridica.com\/buscador_20179478954\/corteconstitucionalcronologico202454587\/t-592-00\/\" class=\"_self pt-cv-href-thumbnail pt-cv-thumb-default\" target=\"_self\" ><\/a>\n<div class=\"pt-cv-taxoterm above_title\"><a href='https:\/\/www.dmsjuridica.com\/buscador_20179478954\/corteconstitucionalcronologico202454587\/category\/buscar-en-toda-la-corte\/2000\/tutelas-2000\/' title='Tutelas 2000' class='pt-cv-tax-tutelas-2000'>Tutelas 2000<\/a><\/div>\n<h4 class=\"pt-cv-title\"><a href=\"https:\/\/www.dmsjuridica.com\/buscador_20179478954\/corteconstitucionalcronologico202454587\/t-592-00\/\" class=\"_self\" target=\"_self\" >T-592-00<\/a><\/h4>\n<div class=\"pt-cv-content\">\u00a0 \u00a0 Sentencia T-592\/00 \u00a0 TUTELA CONTRA PROVIDENCIAS JUDICIALES-Procedencia excepcional por v\u00eda de hecho judicial\/VIA DE HECHO-Clases de defectos en la actuaci\u00f3n \u00a0 PRINCIPIO DE CONGRUENCIA DE LAS SENTENCIAS-Alcance \u00a0 Es un principio general, en materia de procedimiento, por estar directamente relacionado con el debido proceso y el derecho de defensa, que exista la debida coherencia, en todas las sentencias, \u00a0entre los hechos, las pretensiones y la decisi\u00f3n. Es decir, el juez debe resolver todos los aspectos ante \u00e9l expuestos. Y es su obligaci\u00f3n explicar las razones por las cuales no entrar\u00e1 al fondo de alguna de las pretensiones. Tambi\u00e9n ...<br \/><div class=\"pt-cv-rmwrap\"><a href=\"https:\/\/www.dmsjuridica.com\/buscador_20179478954\/corteconstitucionalcronologico202454587\/t-592-00\/\" class=\"_self pt-cv-readmore btn btn-success\" target=\"_self\">Ver Sentencia Completa...<\/a><\/div><\/div><\/div><\/div>\n<div class=\"col-md-12 col-sm-12 col-xs-12 pt-cv-content-item pt-cv-1-col\" ><div class='pt-cv-ifield'><a href=\"https:\/\/www.dmsjuridica.com\/buscador_20179478954\/corteconstitucionalcronologico202454587\/t-591-00\/\" class=\"_self pt-cv-href-thumbnail pt-cv-thumb-default\" target=\"_self\" ><\/a>\n<div class=\"pt-cv-taxoterm above_title\"><a href='https:\/\/www.dmsjuridica.com\/buscador_20179478954\/corteconstitucionalcronologico202454587\/category\/buscar-en-toda-la-corte\/2000\/tutelas-2000\/' title='Tutelas 2000' class='pt-cv-tax-tutelas-2000'>Tutelas 2000<\/a><\/div>\n<h4 class=\"pt-cv-title\"><a href=\"https:\/\/www.dmsjuridica.com\/buscador_20179478954\/corteconstitucionalcronologico202454587\/t-591-00\/\" class=\"_self\" target=\"_self\" >T-591-00<\/a><\/h4>\n<div class=\"pt-cv-content\">\u00a0 \u00a0 Sentencia T-591\/00 \u00a0 DERECHO A LA VIDA-Prevenci\u00f3n de riesgos por autoridad p\u00fablica\/DERECHO A LA INTEGRIDAD PERSONAL-Prevenci\u00f3n de riesgos por autoridad p\u00fablica \u00a0 Las autoridades no s\u00f3lo deben abstenerse de actuaciones que atenten contra la vida y la integridad de las personas residentes en el pa\u00eds, sino que est\u00e1n obligadas a prevenir los riesgos que las afectan, a evitar que se realicen los que se pueden oportunamente controlar, y a atender las consecuencias de las cat\u00e1strofes imprevisibles o inevitables. Corolario de lo anterior, es que ninguna autoridad puede v\u00e1lidamente impedir que las autoridades o los particulares act\u00faen para evitar ...<br \/><div class=\"pt-cv-rmwrap\"><a href=\"https:\/\/www.dmsjuridica.com\/buscador_20179478954\/corteconstitucionalcronologico202454587\/t-591-00\/\" class=\"_self pt-cv-readmore btn btn-success\" target=\"_self\">Ver Sentencia Completa...<\/a><\/div><\/div><\/div><\/div>\n<div class=\"col-md-12 col-sm-12 col-xs-12 pt-cv-content-item pt-cv-1-col\" ><div class='pt-cv-ifield'><a href=\"https:\/\/www.dmsjuridica.com\/buscador_20179478954\/corteconstitucionalcronologico202454587\/t-590-00\/\" class=\"_self pt-cv-href-thumbnail pt-cv-thumb-default\" target=\"_self\" ><\/a>\n<div class=\"pt-cv-taxoterm above_title\"><a href='https:\/\/www.dmsjuridica.com\/buscador_20179478954\/corteconstitucionalcronologico202454587\/category\/buscar-en-toda-la-corte\/2000\/tutelas-2000\/' title='Tutelas 2000' class='pt-cv-tax-tutelas-2000'>Tutelas 2000<\/a><\/div>\n<h4 class=\"pt-cv-title\"><a href=\"https:\/\/www.dmsjuridica.com\/buscador_20179478954\/corteconstitucionalcronologico202454587\/t-590-00\/\" class=\"_self\" target=\"_self\" >T-590-00<\/a><\/h4>\n<div class=\"pt-cv-content\">\u00a0 \u00a0 Sentencia T-590\/00 \u00a0 DERECHO DE DEFENSA-Improcedencia de violaci\u00f3n por nombramiento de curador ad litem\/PROCESO EJECUTIVO-No concurrencia de los accionantes\/PROCESO EJECUTIVO-Nombramiento de curador ad litem\u00a0 \u00a0 No hay fundamento para afirmar que el Despacho demandado viol\u00f3 el derecho de defensa de los accionantes cuando les nombr\u00f3 un curador ad litem, ni cuando continu\u00f3 el tr\u00e1mite del proceso ejecutivo con \u00e9l, pues los ejecutados conoc\u00edan de la existencia de dicho proceso y no concurrieron al mismo, a pesar de que se procur\u00f3 notificarles personalmente hasta el punto en que la ley procesal autoriza recurrir al emplazamiento de los demandados, a ...<br \/><div class=\"pt-cv-rmwrap\"><a href=\"https:\/\/www.dmsjuridica.com\/buscador_20179478954\/corteconstitucionalcronologico202454587\/t-590-00\/\" class=\"_self pt-cv-readmore btn btn-success\" target=\"_self\">Ver Sentencia Completa...<\/a><\/div><\/div><\/div><\/div>\n<div class=\"col-md-12 col-sm-12 col-xs-12 pt-cv-content-item pt-cv-1-col\" ><div class='pt-cv-ifield'><a href=\"https:\/\/www.dmsjuridica.com\/buscador_20179478954\/corteconstitucionalcronologico202454587\/t-589-00\/\" class=\"_self pt-cv-href-thumbnail pt-cv-thumb-default\" target=\"_self\" ><\/a>\n<div class=\"pt-cv-taxoterm above_title\"><a href='https:\/\/www.dmsjuridica.com\/buscador_20179478954\/corteconstitucionalcronologico202454587\/category\/buscar-en-toda-la-corte\/2000\/tutelas-2000\/' title='Tutelas 2000' class='pt-cv-tax-tutelas-2000'>Tutelas 2000<\/a><\/div>\n<h4 class=\"pt-cv-title\"><a href=\"https:\/\/www.dmsjuridica.com\/buscador_20179478954\/corteconstitucionalcronologico202454587\/t-589-00\/\" class=\"_self\" target=\"_self\" >T-589-00<\/a><\/h4>\n<div class=\"pt-cv-content\">\u00a0 \u00a0 Sentencia T-589\/00 \u00a0 BONOS PENSIONALES-Traslado \u00a0 BONOS PENSIONALES-Procedencia de tutela para reclamar la remisi\u00f3n \u00a0 Reiteraci\u00f3n de Jurisprudencia \u00a0 Referencia: expediente T-280964 \u00a0 Acci\u00f3n de tutela instaurada por Ana Rosa Leal Cortes contra el Municipio de Frontino (Antioquia) \u00a0 Magistrado Ponente: \u00a0 Dr. ALVARO TAFUR GALVIS \u00a0 Santa Fe de Bogot\u00e1, D.C., a los diecis\u00e9is (16) d\u00edas del mes de mayo de dos mil \u00a0(2000). \u00a0 SENTENCIA \u00a0 en el proceso de revisi\u00f3n del fallo adoptado por la Sala de Familia del Tribunal Superior de Antioquia y la Sala de Casaci\u00f3n Civil y Agraria de la Corte Suprema ...<br \/><div class=\"pt-cv-rmwrap\"><a href=\"https:\/\/www.dmsjuridica.com\/buscador_20179478954\/corteconstitucionalcronologico202454587\/t-589-00\/\" class=\"_self pt-cv-readmore btn btn-success\" target=\"_self\">Ver Sentencia Completa...<\/a><\/div><\/div><\/div><\/div>\n<div class=\"col-md-12 col-sm-12 col-xs-12 pt-cv-content-item pt-cv-1-col\" ><div class='pt-cv-ifield'><a href=\"https:\/\/www.dmsjuridica.com\/buscador_20179478954\/corteconstitucionalcronologico202454587\/t-588-00\/\" class=\"_self pt-cv-href-thumbnail pt-cv-thumb-default\" target=\"_self\" ><\/a>\n<div class=\"pt-cv-taxoterm above_title\"><a href='https:\/\/www.dmsjuridica.com\/buscador_20179478954\/corteconstitucionalcronologico202454587\/category\/buscar-en-toda-la-corte\/2000\/tutelas-2000\/' title='Tutelas 2000' class='pt-cv-tax-tutelas-2000'>Tutelas 2000<\/a><\/div>\n<h4 class=\"pt-cv-title\"><a href=\"https:\/\/www.dmsjuridica.com\/buscador_20179478954\/corteconstitucionalcronologico202454587\/t-588-00\/\" class=\"_self\" target=\"_self\" >T-588-00<\/a><\/h4>\n<div class=\"pt-cv-content\">\u00a0 \u00a0 Sentencia T-588\/00 \u00a0 ACCION DE TUTELA-Procedencia excepcional pago de acreencias laborales\/DERECHO AL MINIMO VITAL DE PERSONA DE LA TERCERA EDAD-Pago oportuno de mesadas pensionales \u00a0 DERECHO A LA SEGURIDAD SOCIAL EN SALUD-Asunci\u00f3n de atenci\u00f3n m\u00e9dica por municipio por falta de afiliaci\u00f3n a EPS \u00a0 A\u00fan cuando en el presente caso los actores no aportaron pruebas que confirmaran su delicado estado de salud (uno de ellos con c\u00e1ncer y otro \u00a0con continuas convulsiones), el ente demandado, en el oficio dirigido al juez de instancia, tampoco di\u00f3 cuenta de los descuentos que presuntamente hizo a los actores y de los ...<br \/><div class=\"pt-cv-rmwrap\"><a href=\"https:\/\/www.dmsjuridica.com\/buscador_20179478954\/corteconstitucionalcronologico202454587\/t-588-00\/\" class=\"_self pt-cv-readmore btn btn-success\" target=\"_self\">Ver Sentencia Completa...<\/a><\/div><\/div><\/div><\/div>\n<div class=\"col-md-12 col-sm-12 col-xs-12 pt-cv-content-item pt-cv-1-col\" ><div class='pt-cv-ifield'><a href=\"https:\/\/www.dmsjuridica.com\/buscador_20179478954\/corteconstitucionalcronologico202454587\/t-587-00\/\" class=\"_self pt-cv-href-thumbnail pt-cv-thumb-default\" target=\"_self\" ><\/a>\n<div class=\"pt-cv-taxoterm above_title\"><a href='https:\/\/www.dmsjuridica.com\/buscador_20179478954\/corteconstitucionalcronologico202454587\/category\/buscar-en-toda-la-corte\/2000\/tutelas-2000\/' title='Tutelas 2000' class='pt-cv-tax-tutelas-2000'>Tutelas 2000<\/a><\/div>\n<h4 class=\"pt-cv-title\"><a href=\"https:\/\/www.dmsjuridica.com\/buscador_20179478954\/corteconstitucionalcronologico202454587\/t-587-00\/\" class=\"_self\" target=\"_self\" >T-587-00<\/a><\/h4>\n<div class=\"pt-cv-content\">\u00a0 \u00a0 Sentencia T-587\/00 \u00a0 TRANSITO DEL SISTEMA SALARIAL O PRESTACIONAL-Protecci\u00f3n derechos constitucionales\/TRANSITO REGIMEN DE CESANTIAS-Reconocimiento intereses moratorios \u00a0 ACCION DE TUTELA-Procedencia excepcional pago de acreencias laborales \u00a0 DERECHO A LA IGUALDAD-Discriminaci\u00f3n por raz\u00f3n del r\u00e9gimen prestacional\/CESANTIAS PARCIALES DE EMPLEADOS JUDICIALES-Pago oportuno \u00a0 INDEXACION-Actualizaci\u00f3n monetaria que la administraci\u00f3n adeuda \u00a0 Reiteraci\u00f3n de Jurisprudencia \u00a0 Referencia: expedientes T-274439, T-279462 y T-279465 \u00a0 Acciones de tutela instauradas por Edgar Alfonso Delgado Arismendy, Yolanda Bueno Romero y Bertha Quintero D\u00edaz contra el Ministerio de Hacienda y Cr\u00e9dito P\u00fablico, la Administraci\u00f3n Judicial y el Consejo Superior de la Judicatura. \u00a0 Magistrado Ponente: \u00a0 Dr ...<br \/><div class=\"pt-cv-rmwrap\"><a href=\"https:\/\/www.dmsjuridica.com\/buscador_20179478954\/corteconstitucionalcronologico202454587\/t-587-00\/\" class=\"_self pt-cv-readmore btn btn-success\" target=\"_self\">Ver Sentencia Completa...<\/a><\/div><\/div><\/div><\/div>\n<div class=\"col-md-12 col-sm-12 col-xs-12 pt-cv-content-item pt-cv-1-col\" ><div class='pt-cv-ifield'><a href=\"https:\/\/www.dmsjuridica.com\/buscador_20179478954\/corteconstitucionalcronologico202454587\/t-586-00\/\" class=\"_self pt-cv-href-thumbnail pt-cv-thumb-default\" target=\"_self\" ><\/a>\n<div class=\"pt-cv-taxoterm above_title\"><a href='https:\/\/www.dmsjuridica.com\/buscador_20179478954\/corteconstitucionalcronologico202454587\/category\/buscar-en-toda-la-corte\/2000\/tutelas-2000\/' title='Tutelas 2000' class='pt-cv-tax-tutelas-2000'>Tutelas 2000<\/a><\/div>\n<h4 class=\"pt-cv-title\"><a href=\"https:\/\/www.dmsjuridica.com\/buscador_20179478954\/corteconstitucionalcronologico202454587\/t-586-00\/\" class=\"_self\" target=\"_self\" >T-586-00<\/a><\/h4>\n<div class=\"pt-cv-content\">\u00a0 \u00a0 Sentencia T-586\/00 \u00a0 ACCION DE TUTELA-Procedencia excepcional pago de acreencias laborales \u00a0 DERECHO AL MINIMO VITAL DEL PENSIONADO-Pago oportuno de mesadas \u00a0 MUNICIPIO-Situaci\u00f3n econ\u00f3mica o presupuestal no exime de pagar mesadas pensionales \u00a0 Reiteraci\u00f3n de Jurisprudencia \u00a0 Referencia: expediente T-280550 \u00a0 Acci\u00f3n de tutela instaurada por Jaime Mayorga Zambrano y otros contra el Municipio de San Gil (Santander).\u00a0 \u00a0 Magistrado Ponente: \u00a0 Dr. ALVARO TAFUR GALVIS \u00a0 Santa Fe de Bogot\u00e1, D.C., a los diecis\u00e9is (16) d\u00edas del mes de mayo de dos mil (2000). \u00a0 La Sala Novena de Revisi\u00f3n de la Corte Constitucional, en ejercicio de ...<br \/><div class=\"pt-cv-rmwrap\"><a href=\"https:\/\/www.dmsjuridica.com\/buscador_20179478954\/corteconstitucionalcronologico202454587\/t-586-00\/\" class=\"_self pt-cv-readmore btn btn-success\" target=\"_self\">Ver Sentencia Completa...<\/a><\/div><\/div><\/div><\/div>\n<div class=\"col-md-12 col-sm-12 col-xs-12 pt-cv-content-item pt-cv-1-col\" ><div class='pt-cv-ifield'><a href=\"https:\/\/www.dmsjuridica.com\/buscador_20179478954\/corteconstitucionalcronologico202454587\/t-585-00\/\" class=\"_self pt-cv-href-thumbnail pt-cv-thumb-default\" target=\"_self\" ><\/a>\n<div class=\"pt-cv-taxoterm above_title\"><a href='https:\/\/www.dmsjuridica.com\/buscador_20179478954\/corteconstitucionalcronologico202454587\/category\/buscar-en-toda-la-corte\/2000\/tutelas-2000\/' title='Tutelas 2000' class='pt-cv-tax-tutelas-2000'>Tutelas 2000<\/a><\/div>\n<h4 class=\"pt-cv-title\"><a href=\"https:\/\/www.dmsjuridica.com\/buscador_20179478954\/corteconstitucionalcronologico202454587\/t-585-00\/\" class=\"_self\" target=\"_self\" >T-585-00<\/a><\/h4>\n<div class=\"pt-cv-content\">\u00a0 \u00a0 Sentencia T-585\/00 \u00a0 ACCION DE TUTELA-Procedencia excepcional pago de acreencias laborales \u00a0 DERECHO AL PAGO OPORTUNO DEL SALARIO-Fundamental \u00a0 DERECHO AL PAGO OPORTUNO DEL SALARIO-Reconocimiento de totalidad de sumas adeudadas \u00a0 EMPLEADOR-Falta de presupuesto o insolvencia para pago oportuno de salarios no es raz\u00f3n suficiente \u00a0 DERECHO AL MINIMO VITAL DEL TRABAJADOR-Pago oportuno de salarios \u00a0 EMPLEADOR-Situaci\u00f3n econ\u00f3mica o presupuestal no es \u00f3bice para desconocer obligaciones laborales \u00a0 Reiteraci\u00f3n de Jurisprudencia \u00a0 Referencia: expediente T-279207\u00a0 \u00a0 Acci\u00f3n de tutela instaurada por Yomaira Mar\u00eda Ortega Salgado contra el Alcalde del Municipio de Santiago de Tol\u00fa (Sucre). \u00a0 Magistrado Ponente: ...<br \/><div class=\"pt-cv-rmwrap\"><a href=\"https:\/\/www.dmsjuridica.com\/buscador_20179478954\/corteconstitucionalcronologico202454587\/t-585-00\/\" class=\"_self pt-cv-readmore btn btn-success\" target=\"_self\">Ver Sentencia Completa...<\/a><\/div><\/div><\/div><\/div>\n<div class=\"col-md-12 col-sm-12 col-xs-12 pt-cv-content-item pt-cv-1-col\" ><div class='pt-cv-ifield'><a href=\"https:\/\/www.dmsjuridica.com\/buscador_20179478954\/corteconstitucionalcronologico202454587\/t-584-00\/\" class=\"_self pt-cv-href-thumbnail pt-cv-thumb-default\" target=\"_self\" ><\/a>\n<div class=\"pt-cv-taxoterm above_title\"><a href='https:\/\/www.dmsjuridica.com\/buscador_20179478954\/corteconstitucionalcronologico202454587\/category\/buscar-en-toda-la-corte\/2000\/tutelas-2000\/' title='Tutelas 2000' class='pt-cv-tax-tutelas-2000'>Tutelas 2000<\/a><\/div>\n<h4 class=\"pt-cv-title\"><a href=\"https:\/\/www.dmsjuridica.com\/buscador_20179478954\/corteconstitucionalcronologico202454587\/t-584-00\/\" class=\"_self\" target=\"_self\" >T-584-00<\/a><\/h4>\n<div class=\"pt-cv-content\">\u00a0 \u00a0 Sentencia T-584\/00 \u00a0 ACCION DE TUTELA-Procedencia excepcional pago de acreencias laborales \u00a0 DERECHO AL MINIMO VITAL DEL TRABAJADOR-Pago oportuno de salarios \u00a0 EMPLEADOR-Omisi\u00f3n en el pago de aportes en salud amenaza derechos fundamentales \u00a0 Reiteraci\u00f3n de jurisprudencia \u00a0 Referencia: expediente T-279377 \u00a0 Acci\u00f3n de tutela instaurada por Camilo Laborde Alvarez contra el Alcalde del Distrito Tur\u00edstico, Cultural e Hist\u00f3rico de Santa Marta y \u00a0la Secretar\u00eda del Tesoro Distrital. \u00a0 Magistrado Ponente: \u00a0 Dr. ALVARO TAFUR GALVIS \u00a0 Santa Fe de Bogot\u00e1 D.C., a los diecis\u00e9is (16) d\u00edas del mes de mayo de dos mil (2000). \u00a0 La Sala ...<br \/><div class=\"pt-cv-rmwrap\"><a href=\"https:\/\/www.dmsjuridica.com\/buscador_20179478954\/corteconstitucionalcronologico202454587\/t-584-00\/\" class=\"_self pt-cv-readmore btn btn-success\" target=\"_self\">Ver Sentencia Completa...<\/a><\/div><\/div><\/div><\/div>\n<div class=\"col-md-12 col-sm-12 col-xs-12 pt-cv-content-item pt-cv-1-col\" ><div class='pt-cv-ifield'><a href=\"https:\/\/www.dmsjuridica.com\/buscador_20179478954\/corteconstitucionalcronologico202454587\/t-583-00\/\" class=\"_self pt-cv-href-thumbnail pt-cv-thumb-default\" target=\"_self\" ><\/a>\n<div class=\"pt-cv-taxoterm above_title\"><a href='https:\/\/www.dmsjuridica.com\/buscador_20179478954\/corteconstitucionalcronologico202454587\/category\/buscar-en-toda-la-corte\/2000\/tutelas-2000\/' title='Tutelas 2000' class='pt-cv-tax-tutelas-2000'>Tutelas 2000<\/a><\/div>\n<h4 class=\"pt-cv-title\"><a href=\"https:\/\/www.dmsjuridica.com\/buscador_20179478954\/corteconstitucionalcronologico202454587\/t-583-00\/\" class=\"_self\" target=\"_self\" >T-583-00<\/a><\/h4>\n<div class=\"pt-cv-content\">\u00a0 \u00a0 Sentencia T-583\/00 \u00a0 DERECHO AL MINIMO VITAL DEL TRABAJADOR-Pago oportuno de salarios \u00a0 EMPLEADOR-Falta de presupuesto o insolvencia para pago oportuno de salarios no es raz\u00f3n suficiente \u00a0 Referencia: expediente T-279944 \u00a0 Acci\u00f3n de tutela instaurada por In\u00e9s Casta\u00f1eda Grisales contra el Hospital Universitario San Juan de Dios de Armenia. \u00a0 Magistrado Ponente: \u00a0 Dr. ALVARO TAFUR GALVIS \u00a0 Santa Fe de Bogot\u00e1 D.C., a los diecis\u00e9is (16) d\u00eda del mes de mayo de dos mil (2000). \u00a0 La Sala Novena de Revisi\u00f3n de la Corte Constitucional, en ejercicio de sus competencias constitucionales y legales, espec\u00edficamente las previstas ...<br \/><div class=\"pt-cv-rmwrap\"><a href=\"https:\/\/www.dmsjuridica.com\/buscador_20179478954\/corteconstitucionalcronologico202454587\/t-583-00\/\" class=\"_self pt-cv-readmore btn btn-success\" target=\"_self\">Ver Sentencia Completa...<\/a><\/div><\/div><\/div><\/div>\n<div class=\"col-md-12 col-sm-12 col-xs-12 pt-cv-content-item pt-cv-1-col\" ><div class='pt-cv-ifield'><a href=\"https:\/\/www.dmsjuridica.com\/buscador_20179478954\/corteconstitucionalcronologico202454587\/t-582-00\/\" class=\"_self pt-cv-href-thumbnail pt-cv-thumb-default\" target=\"_self\" ><\/a>\n<div class=\"pt-cv-taxoterm above_title\"><a href='https:\/\/www.dmsjuridica.com\/buscador_20179478954\/corteconstitucionalcronologico202454587\/category\/buscar-en-toda-la-corte\/2000\/tutelas-2000\/' title='Tutelas 2000' class='pt-cv-tax-tutelas-2000'>Tutelas 2000<\/a><\/div>\n<h4 class=\"pt-cv-title\"><a href=\"https:\/\/www.dmsjuridica.com\/buscador_20179478954\/corteconstitucionalcronologico202454587\/t-582-00\/\" class=\"_self\" target=\"_self\" >T-582-00<\/a><\/h4>\n<div class=\"pt-cv-content\">\u00a0 \u00a0 Sentencia T-582\/00 \u00a0 URGENCIA EN ENFERMEDADES DE ALTO COSTO-Atenci\u00f3n inmediata sin tener en cuenta periodos m\u00ednimos de cotizaci\u00f3n ni capacidad de pago \u00a0 PREVALENCIA DE DERECHOS DEL NI\u00d1O \u00a0 DERECHO A LA SALUD DEL MENOR-No se pueden oponer periodos m\u00ednimos de cotizaci\u00f3n ante situaciones de urgencia \u00a0 ACCION DE REPETICION POR ENTIDAD PROMOTORA DE SALUD-Suministro de tratamiento de alto costo sin cumplir periodo m\u00ednimo de cotizaci\u00f3n \u00a0 ENFERMEDADES CATASTROFICAS O RUINOSAS-Tratamiento de persona de escasos recursos sin cumplir periodo m\u00ednimo de cotizaci\u00f3n\/ENTIDAD PROMOTORA DE SALUD-Tratamiento de persona de escasos recursos sin cumplir periodo m\u00ednimo de cotizaci\u00f3n \u00a0 Reiteraci\u00f3n ...<br \/><div class=\"pt-cv-rmwrap\"><a href=\"https:\/\/www.dmsjuridica.com\/buscador_20179478954\/corteconstitucionalcronologico202454587\/t-582-00\/\" class=\"_self pt-cv-readmore btn btn-success\" target=\"_self\">Ver Sentencia Completa...<\/a><\/div><\/div><\/div><\/div>\n<div class=\"col-md-12 col-sm-12 col-xs-12 pt-cv-content-item pt-cv-1-col\" ><div class='pt-cv-ifield'><a href=\"https:\/\/www.dmsjuridica.com\/buscador_20179478954\/corteconstitucionalcronologico202454587\/t-581-00\/\" class=\"_self pt-cv-href-thumbnail pt-cv-thumb-default\" target=\"_self\" ><\/a>\n<div class=\"pt-cv-taxoterm above_title\"><a href='https:\/\/www.dmsjuridica.com\/buscador_20179478954\/corteconstitucionalcronologico202454587\/category\/buscar-en-toda-la-corte\/2000\/tutelas-2000\/' title='Tutelas 2000' class='pt-cv-tax-tutelas-2000'>Tutelas 2000<\/a><\/div>\n<h4 class=\"pt-cv-title\"><a href=\"https:\/\/www.dmsjuridica.com\/buscador_20179478954\/corteconstitucionalcronologico202454587\/t-581-00\/\" class=\"_self\" target=\"_self\" >T-581-00<\/a><\/h4>\n<div class=\"pt-cv-content\">\u00a0 \u00a0 Sentencia T-581\/00 \u00a0 ACCION DE TUTELA-Improcedencia general pago de acreencias laborales\/DERECHO AL MINIMO VITAL DEL PENSIONADO-Pago oportuno de mesadas \u00a0 Reiteraci\u00f3n de jurisprudencia \u00a0 Referencia: expediente T-277525 \u00a0 Acci\u00f3n de tutela instaurada por Cesar Sotero Osorio contra el Fondo Distrital De Pensiones Publicas de Santa Marta. \u00a0 Magistrado Ponente: \u00a0 Dr. ALVARO TAFUR GALVIS \u00a0 Santa Fe de Bogot\u00e1 D.C., a los diecis\u00e9is (16) d\u00edas del mes de mayo de dos mil (2000). \u00a0 La Sala Novena de Revisi\u00f3n de la Corte Constitucional, en ejercicio de sus competencias constitucionales y legales, espec\u00edficamente las previstas en los art\u00edculos 86 ...<br \/><div class=\"pt-cv-rmwrap\"><a href=\"https:\/\/www.dmsjuridica.com\/buscador_20179478954\/corteconstitucionalcronologico202454587\/t-581-00\/\" class=\"_self pt-cv-readmore btn btn-success\" target=\"_self\">Ver Sentencia Completa...<\/a><\/div><\/div><\/div><\/div>\n<div class=\"col-md-12 col-sm-12 col-xs-12 pt-cv-content-item pt-cv-1-col\" ><div class='pt-cv-ifield'><a href=\"https:\/\/www.dmsjuridica.com\/buscador_20179478954\/corteconstitucionalcronologico202454587\/t-580-00\/\" class=\"_self pt-cv-href-thumbnail pt-cv-thumb-default\" target=\"_self\" ><\/a>\n<div class=\"pt-cv-taxoterm above_title\"><a href='https:\/\/www.dmsjuridica.com\/buscador_20179478954\/corteconstitucionalcronologico202454587\/category\/buscar-en-toda-la-corte\/2000\/tutelas-2000\/' title='Tutelas 2000' class='pt-cv-tax-tutelas-2000'>Tutelas 2000<\/a><\/div>\n<h4 class=\"pt-cv-title\"><a href=\"https:\/\/www.dmsjuridica.com\/buscador_20179478954\/corteconstitucionalcronologico202454587\/t-580-00\/\" class=\"_self\" target=\"_self\" >T-580-00<\/a><\/h4>\n<div class=\"pt-cv-content\">\u00a0 \u00a0 Sentencia T-580\/00 \u00a0 EMPLEADOR-Mora en el pago de aportes\/EMPLEADOR-Asunci\u00f3n de responsabilidad por no pago de aportes en riesgos profesionales \u00a0 Reiteraci\u00f3n de jurisprudencia \u00a0 Referencia: expediente T-280053 \u00a0 Acci\u00f3n de tutela incoada por Magaly Cantillo de Gamero contra Saludcoop, E.P.S., Seccional Barranquilla. \u00a0 Magistrado Ponente: \u00a0 Dr. ALVARO TAFUR GALVIS \u00a0 Santa Fe de Bogot\u00e1, D.C., a los diecis\u00e9is (16) d\u00edas del mes de mayo de dos mil (2000). \u00a0 La Sala Novena de Revisi\u00f3n de la Corte Constitucional, en ejercicio de sus competencias constitucionales y legales, espec\u00edficamente las previstas en los art\u00edculos 86 y 241, numeral 9, ...<br \/><div class=\"pt-cv-rmwrap\"><a href=\"https:\/\/www.dmsjuridica.com\/buscador_20179478954\/corteconstitucionalcronologico202454587\/t-580-00\/\" class=\"_self pt-cv-readmore btn btn-success\" target=\"_self\">Ver Sentencia Completa...<\/a><\/div><\/div><\/div><\/div>\n<div class=\"col-md-12 col-sm-12 col-xs-12 pt-cv-content-item pt-cv-1-col\" ><div class='pt-cv-ifield'><a href=\"https:\/\/www.dmsjuridica.com\/buscador_20179478954\/corteconstitucionalcronologico202454587\/t-579-00\/\" class=\"_self pt-cv-href-thumbnail pt-cv-thumb-default\" target=\"_self\" ><\/a>\n<div class=\"pt-cv-taxoterm above_title\"><a href='https:\/\/www.dmsjuridica.com\/buscador_20179478954\/corteconstitucionalcronologico202454587\/category\/buscar-en-toda-la-corte\/2000\/tutelas-2000\/' title='Tutelas 2000' class='pt-cv-tax-tutelas-2000'>Tutelas 2000<\/a><\/div>\n<h4 class=\"pt-cv-title\"><a href=\"https:\/\/www.dmsjuridica.com\/buscador_20179478954\/corteconstitucionalcronologico202454587\/t-579-00\/\" class=\"_self\" target=\"_self\" >T-579-00<\/a><\/h4>\n<div class=\"pt-cv-content\">\u00a0 \u00a0 Sentencia T-579\/00 \u00a0 URGENCIAS DE ENFERMEDAD DE ALTO COSTO-Atenci\u00f3n inmediata sin tener en cuenta periodos m\u00ednimos de cotizaci\u00f3n ni capacidad de pago \u00a0 DERECHO A LA DIGNIDAD HUMANA-Omisi\u00f3n de tratamiento que ocasiona dolor\/DERECHO A LA SALUD-Omisi\u00f3n de tratamiento que ocasiona dolor \u00a0 Una lesi\u00f3n que ocasiona dolor a la persona y que puede ser conjurada mediante una intervenci\u00f3n quir\u00fargica, se constituye en una forma de trato cruel cuando, verificada su existencia, se omite el tratamiento para su curaci\u00f3n. El dolor intenso reduce las capacidades de la persona, impide su libre desarrollo y afecta su integridad f\u00edsica y ps\u00edquica ...<br \/><div class=\"pt-cv-rmwrap\"><a href=\"https:\/\/www.dmsjuridica.com\/buscador_20179478954\/corteconstitucionalcronologico202454587\/t-579-00\/\" class=\"_self pt-cv-readmore btn btn-success\" target=\"_self\">Ver Sentencia Completa...<\/a><\/div><\/div><\/div><\/div>\n<div class=\"col-md-12 col-sm-12 col-xs-12 pt-cv-content-item pt-cv-1-col\" ><div class='pt-cv-ifield'><a href=\"https:\/\/www.dmsjuridica.com\/buscador_20179478954\/corteconstitucionalcronologico202454587\/t-578-00\/\" class=\"_self pt-cv-href-thumbnail pt-cv-thumb-default\" target=\"_self\" ><\/a>\n<div class=\"pt-cv-taxoterm above_title\"><a href='https:\/\/www.dmsjuridica.com\/buscador_20179478954\/corteconstitucionalcronologico202454587\/category\/buscar-en-toda-la-corte\/2000\/tutelas-2000\/' title='Tutelas 2000' class='pt-cv-tax-tutelas-2000'>Tutelas 2000<\/a><\/div>\n<h4 class=\"pt-cv-title\"><a href=\"https:\/\/www.dmsjuridica.com\/buscador_20179478954\/corteconstitucionalcronologico202454587\/t-578-00\/\" class=\"_self\" target=\"_self\" >T-578-00<\/a><\/h4>\n<div class=\"pt-cv-content\">\u00a0 \u00a0 Sentencia T-578\/00 \u00a0 DERECHO A LA SEGURIDAD SOCIAL DE PERSONA DE LA TERCERA EDAD-Fundamental por conexidad \u00a0 DERECHO A LA VIDA DIGNA DE PERSONA DE LA TERCERA EDAD-Pago oportuno de mesadas pensionales \u00a0 DERECHOS DEL ANCIANO-Pago oportuno de mesadas pensionales \u00a0 Reiteraci\u00f3n de Jurisprudencia \u00a0 Referencia: expediente T-277516\u00a0 \u00a0 Acci\u00f3n de tutela instaurada por Rosario Helena Barrera Gonzalez contra el Gobernador del Magdalena y el Fondo Territorial de Pensiones y Cesant\u00edas del Magdalena. \u00a0 Magistrado Ponente: \u00a0 Dr. ALVARO TAFUR GALVIS. \u00a0 Santa Fe de Bogot\u00e1, D.C., a los diecis\u00e9is (16) d\u00edas del mes de mayo de dos ...<br \/><div class=\"pt-cv-rmwrap\"><a href=\"https:\/\/www.dmsjuridica.com\/buscador_20179478954\/corteconstitucionalcronologico202454587\/t-578-00\/\" class=\"_self pt-cv-readmore btn btn-success\" target=\"_self\">Ver Sentencia Completa...<\/a><\/div><\/div><\/div><\/div>\n<div class=\"col-md-12 col-sm-12 col-xs-12 pt-cv-content-item pt-cv-1-col\" ><div class='pt-cv-ifield'><a href=\"https:\/\/www.dmsjuridica.com\/buscador_20179478954\/corteconstitucionalcronologico202454587\/t-577-00\/\" class=\"_self pt-cv-href-thumbnail pt-cv-thumb-default\" target=\"_self\" ><\/a>\n<div class=\"pt-cv-taxoterm above_title\"><a href='https:\/\/www.dmsjuridica.com\/buscador_20179478954\/corteconstitucionalcronologico202454587\/category\/buscar-en-toda-la-corte\/2000\/tutelas-2000\/' title='Tutelas 2000' class='pt-cv-tax-tutelas-2000'>Tutelas 2000<\/a><\/div>\n<h4 class=\"pt-cv-title\"><a href=\"https:\/\/www.dmsjuridica.com\/buscador_20179478954\/corteconstitucionalcronologico202454587\/t-577-00\/\" class=\"_self\" target=\"_self\" >T-577-00<\/a><\/h4>\n<div class=\"pt-cv-content\">\u00a0 \u00a0 Sentencia T-577\/00 \u00a0 ACCION DE TUTELA-Procedencia excepcional pago de acreencias laborales \u00a0 EMPLEADOR-Falta de presupuesto o insolvencia para pago oportuno de salarios no es raz\u00f3n suficiente \u00a0 Reiteraci\u00f3n de jurisprudencia \u00a0 Referencia: expedientes T-276944, T-276945, T-277063, T-277990 y T-278039. \u00a0 Acci\u00f3n de tutela instaurada por Luz Nidia Nieto Vega y otros, contra la Gobernaci\u00f3n del Meta, la Secretar\u00eda de Salud y la Pagadur\u00eda de ese Departamento. \u00a0 Magistrado Ponente: \u00a0 Dr. ALVARO TAFUR GALVIS. \u00a0 Santa Fe de Bogot\u00e1 D.C., a los diecis\u00e9is (16) d\u00edas del mes de mayo de dos mil (2000). \u00a0 La Sala Novena de ...<br \/><div class=\"pt-cv-rmwrap\"><a href=\"https:\/\/www.dmsjuridica.com\/buscador_20179478954\/corteconstitucionalcronologico202454587\/t-577-00\/\" class=\"_self pt-cv-readmore btn btn-success\" target=\"_self\">Ver Sentencia Completa...<\/a><\/div><\/div><\/div><\/div>\n<div class=\"col-md-12 col-sm-12 col-xs-12 pt-cv-content-item pt-cv-1-col\" ><div class='pt-cv-ifield'><a href=\"https:\/\/www.dmsjuridica.com\/buscador_20179478954\/corteconstitucionalcronologico202454587\/t-576-00\/\" class=\"_self pt-cv-href-thumbnail pt-cv-thumb-default\" target=\"_self\" ><\/a>\n<div class=\"pt-cv-taxoterm above_title\"><a href='https:\/\/www.dmsjuridica.com\/buscador_20179478954\/corteconstitucionalcronologico202454587\/category\/buscar-en-toda-la-corte\/2000\/tutelas-2000\/' title='Tutelas 2000' class='pt-cv-tax-tutelas-2000'>Tutelas 2000<\/a><\/div>\n<h4 class=\"pt-cv-title\"><a href=\"https:\/\/www.dmsjuridica.com\/buscador_20179478954\/corteconstitucionalcronologico202454587\/t-576-00\/\" class=\"_self\" target=\"_self\" >T-576-00<\/a><\/h4>\n<div class=\"pt-cv-content\">\u00a0 \u00a0 Sentencia T-576\/00 \u00a0 ACCION DE TUTELA-Procedencia excepcional pago de acreencias laborales \u00a0 DERECHO AL TRABAJO EN CONDICIONES DIGNAS Y JUSTAS-Pago oportuno de salarios\/DERECHO AL MINIMO VITAL-Pago oportuno de salarios \u00a0 EMPLEADOR-Falta de presupuesto o insolvencia para pago oportuno de salarios no es raz\u00f3n suficiente \u00a0 SALARIO-Cesaci\u00f3n de pagos indefinidamente repercute en la familia \u00a0 Reiteraci\u00f3n de jurisprudencia \u00a0 Referencia: expediente T-278146 \u00a0 Magistrado Ponente: \u00a0 Dr. ALVARO TAFUR GALVIS \u00a0 Santaf\u00e9 de Bogot\u00e1, D.C., a los diecis\u00e9is (16) del mes de mayo de dos mil (2000). \u00a0 La Sala Novena de Revisi\u00f3n de la Corte Constitucional, en ejercicio ...<br \/><div class=\"pt-cv-rmwrap\"><a href=\"https:\/\/www.dmsjuridica.com\/buscador_20179478954\/corteconstitucionalcronologico202454587\/t-576-00\/\" class=\"_self pt-cv-readmore btn btn-success\" target=\"_self\">Ver Sentencia Completa...<\/a><\/div><\/div><\/div><\/div>\n<div class=\"col-md-12 col-sm-12 col-xs-12 pt-cv-content-item pt-cv-1-col\" ><div class='pt-cv-ifield'><a href=\"https:\/\/www.dmsjuridica.com\/buscador_20179478954\/corteconstitucionalcronologico202454587\/t-575-00\/\" class=\"_self pt-cv-href-thumbnail pt-cv-thumb-default\" target=\"_self\" ><\/a>\n<div class=\"pt-cv-taxoterm above_title\"><a href='https:\/\/www.dmsjuridica.com\/buscador_20179478954\/corteconstitucionalcronologico202454587\/category\/buscar-en-toda-la-corte\/2000\/tutelas-2000\/' title='Tutelas 2000' class='pt-cv-tax-tutelas-2000'>Tutelas 2000<\/a><\/div>\n<h4 class=\"pt-cv-title\"><a href=\"https:\/\/www.dmsjuridica.com\/buscador_20179478954\/corteconstitucionalcronologico202454587\/t-575-00\/\" class=\"_self\" target=\"_self\" >T-575-00<\/a><\/h4>\n<div class=\"pt-cv-content\">\u00a0 \u00a0 Sentencia T-575\/00 \u00a0 ACCION DE TUTELA-Procedencia excepcional pago de acreencias laborales\/DERECHO AL MINIMO VITAL DEL TRABAJADOR-Pago oportuno de salarios \u00a0 DERECHO AL PAGO OPORTUNO DEL SALARIO-Fundamental \u00a0 EMPLEADOR-Falta de presupuesto o insolvencia para pago oportuno de salarios no es raz\u00f3n suficiente \u00a0 Reiteraci\u00f3n de Jurisprudencia \u00a0 Referencia: expediente T-278658\u00a0 \u00a0 Acci\u00f3n de tutela instaurada por Cesar Gerardo Tarazona R. contra el Municipio de Bucaramanga. \u00a0 Magistrado Ponente: \u00a0 Dr. ALVARO TAFUR GALVIS \u00a0 Santa Fe de Bogot\u00e1 D.C., a los diecis\u00e9is (16) d\u00edas del mes de mayo de dos mil (2000). \u00a0 La Sala Novena de Revisi\u00f3n de ...<br \/><div class=\"pt-cv-rmwrap\"><a href=\"https:\/\/www.dmsjuridica.com\/buscador_20179478954\/corteconstitucionalcronologico202454587\/t-575-00\/\" class=\"_self pt-cv-readmore btn btn-success\" target=\"_self\">Ver Sentencia Completa...<\/a><\/div><\/div><\/div><\/div>\n<div class=\"col-md-12 col-sm-12 col-xs-12 pt-cv-content-item pt-cv-1-col\" ><div class='pt-cv-ifield'><a href=\"https:\/\/www.dmsjuridica.com\/buscador_20179478954\/corteconstitucionalcronologico202454587\/t-574-00\/\" class=\"_self pt-cv-href-thumbnail pt-cv-thumb-default\" target=\"_self\" ><\/a>\n<div class=\"pt-cv-taxoterm above_title\"><a href='https:\/\/www.dmsjuridica.com\/buscador_20179478954\/corteconstitucionalcronologico202454587\/category\/buscar-en-toda-la-corte\/2000\/tutelas-2000\/' title='Tutelas 2000' class='pt-cv-tax-tutelas-2000'>Tutelas 2000<\/a><\/div>\n<h4 class=\"pt-cv-title\"><a href=\"https:\/\/www.dmsjuridica.com\/buscador_20179478954\/corteconstitucionalcronologico202454587\/t-574-00\/\" class=\"_self\" target=\"_self\" >T-574-00<\/a><\/h4>\n<div class=\"pt-cv-content\">\u00a0 \u00a0 Sentencia T-574\/00 \u00a0 DERECHO AL PAGO OPORTUNO DEL SALARIO-Fundamental \u00a0 DERECHO A LA SUBSISTENCIA-Retribuci\u00f3n salarial \u00a0 EMPLEADOR-Falta de presupuesto o insolvencia para pago oportuno de salarios no es raz\u00f3n suficiente \u00a0 Reiteraci\u00f3n de Jurisprudencia \u00a0 Referencia: expediente T-277100\u00a0 \u00a0 Acci\u00f3n de tutela instaurada por Libia Esther Teher\u00e1n Simancas contra la Alcald\u00eda Municipal de Turbaco (Bol\u00edvar). \u00a0 Magistrado Ponente: \u00a0 Dr. ALVARO TAFUR GALVIS \u00a0 Santa Fe de Bogot\u00e1 D.C., a los diecis\u00e9is (16) d\u00edas del mes de mayo de dos mil (2000). \u00a0 La Sala Novena de Revisi\u00f3n de la Corte Constitucional, en ejercicio de sus competencias constitucionales ...<br \/><div class=\"pt-cv-rmwrap\"><a href=\"https:\/\/www.dmsjuridica.com\/buscador_20179478954\/corteconstitucionalcronologico202454587\/t-574-00\/\" class=\"_self pt-cv-readmore btn btn-success\" target=\"_self\">Ver Sentencia Completa...<\/a><\/div><\/div><\/div><\/div>\n<div class=\"col-md-12 col-sm-12 col-xs-12 pt-cv-content-item pt-cv-1-col\" ><div class='pt-cv-ifield'><a href=\"https:\/\/www.dmsjuridica.com\/buscador_20179478954\/corteconstitucionalcronologico202454587\/t-573-00\/\" class=\"_self pt-cv-href-thumbnail pt-cv-thumb-default\" target=\"_self\" ><\/a>\n<div class=\"pt-cv-taxoterm above_title\"><a href='https:\/\/www.dmsjuridica.com\/buscador_20179478954\/corteconstitucionalcronologico202454587\/category\/buscar-en-toda-la-corte\/2000\/tutelas-2000\/' title='Tutelas 2000' class='pt-cv-tax-tutelas-2000'>Tutelas 2000<\/a><\/div>\n<h4 class=\"pt-cv-title\"><a href=\"https:\/\/www.dmsjuridica.com\/buscador_20179478954\/corteconstitucionalcronologico202454587\/t-573-00\/\" class=\"_self\" target=\"_self\" >T-573-00<\/a><\/h4>\n<div class=\"pt-cv-content\">\u00a0 \u00a0 Sentencia T-573\/00 \u00a0 DERECHO A LA SEGURIDAD SOCIAL DEL NI\u00d1O-Fundamental \u00a0 DERECHO AL SUBSIDIO FAMILIAR DEL NI\u00d1O-Protecci\u00f3n por tutela \u00a0 Reiteraci\u00f3n de Jurisprudencia \u00a0 Referencia: expediente T-278143 \u00a0 Acci\u00f3n de tutela instaurada por Lidia Tim\u00f3n Bocanegra contra el Hospital San Carlos de Salda\u00f1a. \u00a0 Magistrado Ponente: \u00a0 Dr. ALVARO TAFUR GALVIS. \u00a0 Santa Fe de Bogot\u00e1 D.C., a los diecis\u00e9is (16) d\u00edas del mes de mayo dos mil (2000). \u00a0 La Sala Novena de Revisi\u00f3n de la Corte Constitucional, en ejercicio de sus competencias constitucionales y legales, en especial las previstas en los art\u00edculos 86 y 241-9 de ...<br \/><div class=\"pt-cv-rmwrap\"><a href=\"https:\/\/www.dmsjuridica.com\/buscador_20179478954\/corteconstitucionalcronologico202454587\/t-573-00\/\" class=\"_self pt-cv-readmore btn btn-success\" target=\"_self\">Ver Sentencia Completa...<\/a><\/div><\/div><\/div><\/div>\n<div class=\"col-md-12 col-sm-12 col-xs-12 pt-cv-content-item pt-cv-1-col\" ><div class='pt-cv-ifield'><a href=\"https:\/\/www.dmsjuridica.com\/buscador_20179478954\/corteconstitucionalcronologico202454587\/t-572-00\/\" class=\"_self pt-cv-href-thumbnail pt-cv-thumb-default\" target=\"_self\" ><\/a>\n<div class=\"pt-cv-taxoterm above_title\"><a href='https:\/\/www.dmsjuridica.com\/buscador_20179478954\/corteconstitucionalcronologico202454587\/category\/buscar-en-toda-la-corte\/2000\/tutelas-2000\/' title='Tutelas 2000' class='pt-cv-tax-tutelas-2000'>Tutelas 2000<\/a><\/div>\n<h4 class=\"pt-cv-title\"><a href=\"https:\/\/www.dmsjuridica.com\/buscador_20179478954\/corteconstitucionalcronologico202454587\/t-572-00\/\" class=\"_self\" target=\"_self\" >T-572-00<\/a><\/h4>\n<div class=\"pt-cv-content\">\u00a0 \u00a0 Sentencia T-572\/00 \u00a0 DERECHO A LA SEGURIDAD SOCIAL DEL NI\u00d1O-Fundamental \u00a0 DERECHO AL SUBSIDIO FAMILIAR DEL NI\u00d1O-Protecci\u00f3n por tutela \u00a0 Reiteraci\u00f3n de Jurisprudencia \u00a0 Referencia: expedientes T-277194 y T-277195 \u00a0 Acci\u00f3n de tutela instaurada por Sandra Marina Orrego Valencia y Gloria Patricia San Mart\u00edn Galeano, contra el Municipio de Itag\u00fc\u00ed, Antioquia. \u00a0 Magistrado Ponente: \u00a0 Dr. ALVARO TAFUR GALVIS \u00a0 Santaf\u00e9 de Bogot\u00e1 D.C., a los diecis\u00e9is (16) d\u00edas del mes de mayo de dos mil (2000). \u00a0 La Sala Novena de Revisi\u00f3n de la Corte Constitucional, en ejercicio de sus competencias constitucionales y legales, espec\u00edficamente las previstas ...<br \/><div class=\"pt-cv-rmwrap\"><a href=\"https:\/\/www.dmsjuridica.com\/buscador_20179478954\/corteconstitucionalcronologico202454587\/t-572-00\/\" class=\"_self pt-cv-readmore btn btn-success\" target=\"_self\">Ver Sentencia Completa...<\/a><\/div><\/div><\/div><\/div>\n<div class=\"col-md-12 col-sm-12 col-xs-12 pt-cv-content-item pt-cv-1-col\" ><div class='pt-cv-ifield'><a href=\"https:\/\/www.dmsjuridica.com\/buscador_20179478954\/corteconstitucionalcronologico202454587\/t-571-00\/\" class=\"_self pt-cv-href-thumbnail pt-cv-thumb-default\" target=\"_self\" ><\/a>\n<div class=\"pt-cv-taxoterm above_title\"><a href='https:\/\/www.dmsjuridica.com\/buscador_20179478954\/corteconstitucionalcronologico202454587\/category\/buscar-en-toda-la-corte\/2000\/tutelas-2000\/' title='Tutelas 2000' class='pt-cv-tax-tutelas-2000'>Tutelas 2000<\/a><\/div>\n<h4 class=\"pt-cv-title\"><a href=\"https:\/\/www.dmsjuridica.com\/buscador_20179478954\/corteconstitucionalcronologico202454587\/t-571-00\/\" class=\"_self\" target=\"_self\" >T-571-00<\/a><\/h4>\n<div class=\"pt-cv-content\">\u00a0 \u00a0 Sentencia T-571\/00 \u00a0 DERECHO AL MINIMO VITAL DEL TRABAJADOR-Pago oportuno de salarios \u00a0 DERECHO AL PAGO OPORTUNO DEL SALARIO-Fundamental \u00a0 EMPLEADOR-Falta de presupuesto o insolvencia para pago oportuno de salarios no es raz\u00f3n suficiente \u00a0 Referencia: expediente T-254270 \u00a0 Acci\u00f3n de tutela instaurada por Alvaro Carrillo Mu\u00f1oz contra el Director del Instituto de Recreaci\u00f3n Municipal de Repel\u00f3n (Atl\u00e1ntico). \u00a0 Magistrado Ponente: \u00a0 Dr. JOS\u00c9 GREGORIO HERN\u00c1NDEZ GALINDO \u00a0 Santa Fe de Bogot\u00e1, D.C., diecisiete (17) de mayo de dos mil (2000). \u00a0 La Sala Quinta de Revisi\u00f3n de la Corte Constitucional, en ejercicio de sus competencias constitucionales y ...<br \/><div class=\"pt-cv-rmwrap\"><a href=\"https:\/\/www.dmsjuridica.com\/buscador_20179478954\/corteconstitucionalcronologico202454587\/t-571-00\/\" class=\"_self pt-cv-readmore btn btn-success\" target=\"_self\">Ver Sentencia Completa...<\/a><\/div><\/div><\/div><\/div>\n<div class=\"col-md-12 col-sm-12 col-xs-12 pt-cv-content-item pt-cv-1-col\" ><div class='pt-cv-ifield'><a href=\"https:\/\/www.dmsjuridica.com\/buscador_20179478954\/corteconstitucionalcronologico202454587\/t-570-00\/\" class=\"_self pt-cv-href-thumbnail pt-cv-thumb-default\" target=\"_self\" ><\/a>\n<div class=\"pt-cv-taxoterm above_title\"><a href='https:\/\/www.dmsjuridica.com\/buscador_20179478954\/corteconstitucionalcronologico202454587\/category\/buscar-en-toda-la-corte\/2000\/tutelas-2000\/' title='Tutelas 2000' class='pt-cv-tax-tutelas-2000'>Tutelas 2000<\/a><\/div>\n<h4 class=\"pt-cv-title\"><a href=\"https:\/\/www.dmsjuridica.com\/buscador_20179478954\/corteconstitucionalcronologico202454587\/t-570-00\/\" class=\"_self\" target=\"_self\" >T-570-00<\/a><\/h4>\n<div class=\"pt-cv-content\">\u00a0 \u00a0 Sentencia T-570\/00 \u00a0 ESTABLECIMIENTO DE SALUD-Negligencia y desorden administrativo no son excusa para negar intervenci\u00f3n quir\u00fargica \u00a0 DERECHO A LA SALUD-Trasciende la mera subsistencia biol\u00f3gica \u00a0 DERECHO A LA VIDA DIGNA-Condiciones de gravedad \u00a0 Referencia: expediente T-243800 \u00a0 Acci\u00f3n de tutela incoada por Jos\u00e9 Severo Navia Crespo contra el Director del \"Hospital Militar Regional de Occidente\". \u00a0 Magistrado Ponente: \u00a0 Dr. JOS\u00c9 GREGORIO HERN\u00c1NDEZ GALINDO\u00a0 \u00a0 Santa Fe de Bogot\u00e1, D.C., dieciocho (18) de mayo de dos mil (2000). \u00a0 La Sala Quinta de Revisi\u00f3n de la Corte Constitucional, en ejercicio de sus competencias constitucionales y legales, espec\u00edficamente ...<br \/><div class=\"pt-cv-rmwrap\"><a href=\"https:\/\/www.dmsjuridica.com\/buscador_20179478954\/corteconstitucionalcronologico202454587\/t-570-00\/\" class=\"_self pt-cv-readmore btn btn-success\" target=\"_self\">Ver Sentencia Completa...<\/a><\/div><\/div><\/div><\/div>\n<div class=\"col-md-12 col-sm-12 col-xs-12 pt-cv-content-item pt-cv-1-col\" ><div class='pt-cv-ifield'><a href=\"https:\/\/www.dmsjuridica.com\/buscador_20179478954\/corteconstitucionalcronologico202454587\/t-559-00\/\" class=\"_self pt-cv-href-thumbnail pt-cv-thumb-default\" target=\"_self\" ><\/a>\n<div class=\"pt-cv-taxoterm above_title\"><a href='https:\/\/www.dmsjuridica.com\/buscador_20179478954\/corteconstitucionalcronologico202454587\/category\/buscar-en-toda-la-corte\/2000\/tutelas-2000\/' title='Tutelas 2000' class='pt-cv-tax-tutelas-2000'>Tutelas 2000<\/a><\/div>\n<h4 class=\"pt-cv-title\"><a href=\"https:\/\/www.dmsjuridica.com\/buscador_20179478954\/corteconstitucionalcronologico202454587\/t-559-00\/\" class=\"_self\" target=\"_self\" >T-559-00<\/a><\/h4>\n<div class=\"pt-cv-content\">\u00a0 \u00a0 Sentencia T-559\/00 \u00a0 CARRERA ADMINISTRATIVA EN CONTRALORIAS TERRITORIALES-Selecci\u00f3n de personal \u00a0 La decisi\u00f3n de la entidad demandada vulner\u00f3 el principio de la buena fe, pues defraud\u00f3 la confianza de quien se someti\u00f3 a las reglas establecidas para acceder a un cargo de carrera administrativa, despu\u00e9s de haber superado todas las pruebas necesarias para determinar que \u00e9l hab\u00eda ocupado el primer lugar. La decisi\u00f3n que trunc\u00f3 al peticionario la posibilidad de ser nombrado en el cargo al que aspiraba no respet\u00f3 las reglas que previamente hab\u00eda fijado la entidad demandada para tener derecho a la vinculaci\u00f3n laboral, pues al ...<br \/><div class=\"pt-cv-rmwrap\"><a href=\"https:\/\/www.dmsjuridica.com\/buscador_20179478954\/corteconstitucionalcronologico202454587\/t-559-00\/\" class=\"_self pt-cv-readmore btn btn-success\" target=\"_self\">Ver Sentencia Completa...<\/a><\/div><\/div><\/div><\/div>\n<div class=\"col-md-12 col-sm-12 col-xs-12 pt-cv-content-item pt-cv-1-col\" ><div class='pt-cv-ifield'><a href=\"https:\/\/www.dmsjuridica.com\/buscador_20179478954\/corteconstitucionalcronologico202454587\/t-558-00\/\" class=\"_self pt-cv-href-thumbnail pt-cv-thumb-default\" target=\"_self\" ><\/a>\n<div class=\"pt-cv-taxoterm above_title\"><a href='https:\/\/www.dmsjuridica.com\/buscador_20179478954\/corteconstitucionalcronologico202454587\/category\/buscar-en-toda-la-corte\/2000\/tutelas-2000\/' title='Tutelas 2000' class='pt-cv-tax-tutelas-2000'>Tutelas 2000<\/a><\/div>\n<h4 class=\"pt-cv-title\"><a href=\"https:\/\/www.dmsjuridica.com\/buscador_20179478954\/corteconstitucionalcronologico202454587\/t-558-00\/\" class=\"_self\" target=\"_self\" >T-558-00<\/a><\/h4>\n<div class=\"pt-cv-content\">\u00a0 \u00a0 Sentencia T-558\/00 \u00a0 LEGITIMACION POR ACTIVA-Madre en representaci\u00f3n de hijo que cumpli\u00f3 mayor\u00eda de edad \u00a0 DEBIDO PROCESO ADMINISTRATIVO-Revocaci\u00f3n directa de acto de car\u00e1cter particular y concreto\/DEBIDO PROCESO ADMINISTRATIVO-Suspensi\u00f3n unilateral de pensi\u00f3n de sobreviviente \u00a0 La suspensi\u00f3n por parte del ente demandado del derecho a recibir las mesadas por concepto de pensi\u00f3n de sobreviviente, constituye una revocaci\u00f3n directa del acto de car\u00e1cter particular que concedi\u00f3 dicha prestaci\u00f3n, pues tal interrupci\u00f3n representa un hecho administrativo que produce efectos jur\u00eddicos. \u00a0 PENSION DE SOBREVIVIENTES-Suspensi\u00f3n invocando disposici\u00f3n anterior a la Constituci\u00f3n y desconociendo ley de seguridad social \u00a0 REVOCACION DIRECTA DE ...<br \/><div class=\"pt-cv-rmwrap\"><a href=\"https:\/\/www.dmsjuridica.com\/buscador_20179478954\/corteconstitucionalcronologico202454587\/t-558-00\/\" class=\"_self pt-cv-readmore btn btn-success\" target=\"_self\">Ver Sentencia Completa...<\/a><\/div><\/div><\/div><\/div>\n<div class=\"col-md-12 col-sm-12 col-xs-12 pt-cv-content-item pt-cv-1-col\" ><div class='pt-cv-ifield'><a href=\"https:\/\/www.dmsjuridica.com\/buscador_20179478954\/corteconstitucionalcronologico202454587\/t-556-00\/\" class=\"_self pt-cv-href-thumbnail pt-cv-thumb-default\" target=\"_self\" ><\/a>\n<div class=\"pt-cv-taxoterm above_title\"><a href='https:\/\/www.dmsjuridica.com\/buscador_20179478954\/corteconstitucionalcronologico202454587\/category\/buscar-en-toda-la-corte\/2000\/tutelas-2000\/' title='Tutelas 2000' class='pt-cv-tax-tutelas-2000'>Tutelas 2000<\/a><\/div>\n<h4 class=\"pt-cv-title\"><a href=\"https:\/\/www.dmsjuridica.com\/buscador_20179478954\/corteconstitucionalcronologico202454587\/t-556-00\/\" class=\"_self\" target=\"_self\" >T-556-00<\/a><\/h4>\n<div class=\"pt-cv-content\">\u00a0 \u00a0 Sentencia T-556\/00 \u00a0 CONFLICTOS COLECTIVOS DE TRABAJO-Tipos seg\u00fan planteamiento de la OIT \u00a0 De acuerdo con los planteamientos de la OIT, los conflictos que tienen origen en la relaci\u00f3n laboral, pueden ser de dos tipos. De un lado, los llamados conflictos jur\u00eddicos o de derecho, que versan sobre la interpretaci\u00f3n o alcance de una norma jur\u00eddica \u2013ley, convenci\u00f3n colectiva, contrato individual-. De otra parte, aparecen los conflictos econ\u00f3micos o de intereses, entendidos como las controversias que surgen, no por la interpretaci\u00f3n en torno a un derecho, sino sobre las reivindicaciones tendientes a crear un nuevo derecho, o a ...<br \/><div class=\"pt-cv-rmwrap\"><a href=\"https:\/\/www.dmsjuridica.com\/buscador_20179478954\/corteconstitucionalcronologico202454587\/t-556-00\/\" class=\"_self pt-cv-readmore btn btn-success\" target=\"_self\">Ver Sentencia Completa...<\/a><\/div><\/div><\/div><\/div>\n<div class=\"col-md-12 col-sm-12 col-xs-12 pt-cv-content-item pt-cv-1-col\" ><div class='pt-cv-ifield'><a href=\"https:\/\/www.dmsjuridica.com\/buscador_20179478954\/corteconstitucionalcronologico202454587\/t-555-00\/\" class=\"_self pt-cv-href-thumbnail pt-cv-thumb-default\" target=\"_self\" ><\/a>\n<div class=\"pt-cv-taxoterm above_title\"><a href='https:\/\/www.dmsjuridica.com\/buscador_20179478954\/corteconstitucionalcronologico202454587\/category\/buscar-en-toda-la-corte\/2000\/tutelas-2000\/' title='Tutelas 2000' class='pt-cv-tax-tutelas-2000'>Tutelas 2000<\/a><\/div>\n<h4 class=\"pt-cv-title\"><a href=\"https:\/\/www.dmsjuridica.com\/buscador_20179478954\/corteconstitucionalcronologico202454587\/t-555-00\/\" class=\"_self\" target=\"_self\" >T-555-00<\/a><\/h4>\n<div class=\"pt-cv-content\">\u00a0 \u00a0 Sentencia T-555\/00 \u00a0 \u00a0 FUERO SINDICAL-Finalidad \u00a0 FUERO SINDICAL-Justas causas para que juez autorice despido de trabajador \u00a0 El despido de trabajadores amparados con el fuero sindical, s\u00f3lo procede mediante la acci\u00f3n de levantamiento del fuero que el empleador debe promover siempre ante el juez laboral, a trav\u00e9s de un proceso especial, e invocando justa causa para ello, las cuales, conforme al orden jur\u00eddico vigente, son las mismas que originan la terminaci\u00f3n del contrato de trabajo, o la liquidaci\u00f3n o clausura definitiva de la empresa o establecimiento \u00a0y la suspensi\u00f3n total o parcial de actividades por parte del ...<br \/><div class=\"pt-cv-rmwrap\"><a href=\"https:\/\/www.dmsjuridica.com\/buscador_20179478954\/corteconstitucionalcronologico202454587\/t-555-00\/\" class=\"_self pt-cv-readmore btn btn-success\" target=\"_self\">Ver Sentencia Completa...<\/a><\/div><\/div><\/div><\/div>\n<div class=\"col-md-12 col-sm-12 col-xs-12 pt-cv-content-item pt-cv-1-col\" ><div class='pt-cv-ifield'><a href=\"https:\/\/www.dmsjuridica.com\/buscador_20179478954\/corteconstitucionalcronologico202454587\/t-554-00\/\" class=\"_self pt-cv-href-thumbnail pt-cv-thumb-default\" target=\"_self\" ><\/a>\n<div class=\"pt-cv-taxoterm above_title\"><a href='https:\/\/www.dmsjuridica.com\/buscador_20179478954\/corteconstitucionalcronologico202454587\/category\/buscar-en-toda-la-corte\/2000\/tutelas-2000\/' title='Tutelas 2000' class='pt-cv-tax-tutelas-2000'>Tutelas 2000<\/a><\/div>\n<h4 class=\"pt-cv-title\"><a href=\"https:\/\/www.dmsjuridica.com\/buscador_20179478954\/corteconstitucionalcronologico202454587\/t-554-00\/\" class=\"_self\" target=\"_self\" >T-554-00<\/a><\/h4>\n<div class=\"pt-cv-content\">\u00a0 \u00a0 Sentencia T-554\/00\u00a0 \u00a0 ACCION DE TUTELA-Hecho consumado \u00a0 DERECHO A LA SALUD-Protecci\u00f3n \u00a0 EMPLEADOR-Deber de descontar y efectuar aportes en seguridad social \u00a0 PREVENCION EN TUTELA-Alcance \u00a0 Referencia: expediente T-277096 \u00a0 Magistrado Ponente: \u00a0 Dr. FABIO MORON DIAZ \u00a0 \u00a0 \u00a0 \u00a0 \u00a0 \u00a0 \u00a0 \u00a0 \u00a0 \u00a0 \u00a0 \u00a0 \u00a0 \u00a0 \u00a0 \u00a0 \u00a0 \u00a0 Santaf\u00e9 de Bogot\u00e1 D.C., mayo quince (15) del a\u00f1o dos mil (2000). \u00a0 La Sala S\u00e9ptima de Revisi\u00f3n de Tutelas de la Corte Constitucional, integrada por los Magistrados VLADIMIRO NARANJO MESA, ALVARO TAFUR GALVIS y FABIO MORON DIAZ, en ejercicio de sus ...<br \/><div class=\"pt-cv-rmwrap\"><a href=\"https:\/\/www.dmsjuridica.com\/buscador_20179478954\/corteconstitucionalcronologico202454587\/t-554-00\/\" class=\"_self pt-cv-readmore btn btn-success\" target=\"_self\">Ver Sentencia Completa...<\/a><\/div><\/div><\/div><\/div>\n<div class=\"col-md-12 col-sm-12 col-xs-12 pt-cv-content-item pt-cv-1-col\" ><div class='pt-cv-ifield'><a href=\"https:\/\/www.dmsjuridica.com\/buscador_20179478954\/corteconstitucionalcronologico202454587\/t-553-00\/\" class=\"_self pt-cv-href-thumbnail pt-cv-thumb-default\" target=\"_self\" ><\/a>\n<div class=\"pt-cv-taxoterm above_title\"><a href='https:\/\/www.dmsjuridica.com\/buscador_20179478954\/corteconstitucionalcronologico202454587\/category\/buscar-en-toda-la-corte\/2000\/tutelas-2000\/' title='Tutelas 2000' class='pt-cv-tax-tutelas-2000'>Tutelas 2000<\/a><\/div>\n<h4 class=\"pt-cv-title\"><a href=\"https:\/\/www.dmsjuridica.com\/buscador_20179478954\/corteconstitucionalcronologico202454587\/t-553-00\/\" class=\"_self\" target=\"_self\" >T-553-00<\/a><\/h4>\n<div class=\"pt-cv-content\">\u00a0 \u00a0 Sentencia T-553\/00 \u00a0 RESOLUCION DE APERTURA DE INVESTIGACION PREVIA-Deber de notificaci\u00f3n a imputado conocido \u00a0 INVESTIGACION PREVIA-Controversia de la prueba\/DEBIDO PROCESO EN INVESTIGACION PREVIA-Aplicaci\u00f3n \u00a0 PRINCIPIO DE CONTRADICCION DE LA PRUEBA-No admite excepciones \u00a0 DERECHO DE DEFENSA EN RESOLUCION DE APERTURA DE INVESTIGACION PREVIA-Falta de notificaci\u00f3n a imputado conocido y negativa a ser escuchado en versi\u00f3n libre\/INVESTIGACION PREVIA-Reserva es absoluta si el imputado rinde versi\u00f3n preliminar \u00a0 FISCALIA GENERAL DE LA NACION-Deber de comunicaci\u00f3n entre distintas dependencias \u00a0 Las distintas dependencias de una instituci\u00f3n no son compartimentos aislados y es deber de \u00a0todos sus integrantes velar porque entre ...<br \/><div class=\"pt-cv-rmwrap\"><a href=\"https:\/\/www.dmsjuridica.com\/buscador_20179478954\/corteconstitucionalcronologico202454587\/t-553-00\/\" class=\"_self pt-cv-readmore btn btn-success\" target=\"_self\">Ver Sentencia Completa...<\/a><\/div><\/div><\/div><\/div>\n<div class=\"col-md-12 col-sm-12 col-xs-12 pt-cv-content-item pt-cv-1-col\" ><div class='pt-cv-ifield'><a href=\"https:\/\/www.dmsjuridica.com\/buscador_20179478954\/corteconstitucionalcronologico202454587\/t-552-00\/\" class=\"_self pt-cv-href-thumbnail pt-cv-thumb-default\" target=\"_self\" ><\/a>\n<div class=\"pt-cv-taxoterm above_title\"><a href='https:\/\/www.dmsjuridica.com\/buscador_20179478954\/corteconstitucionalcronologico202454587\/category\/buscar-en-toda-la-corte\/2000\/tutelas-2000\/' title='Tutelas 2000' class='pt-cv-tax-tutelas-2000'>Tutelas 2000<\/a><\/div>\n<h4 class=\"pt-cv-title\"><a href=\"https:\/\/www.dmsjuridica.com\/buscador_20179478954\/corteconstitucionalcronologico202454587\/t-552-00\/\" class=\"_self\" target=\"_self\" >T-552-00<\/a><\/h4>\n<div class=\"pt-cv-content\">\u00a0 \u00a0 Sentencia \u00a0T-552\/00 \u00a0 DERECHO DE PETICION EN VIA GUBERNATIVA-Protecci\u00f3n ante silencio administrativo \u00a0 SILENCIO ADMINISTRATIVO-Resoluci\u00f3n de recursos en determinado lapso \u00a0 Referencia: expediente T-277782 \u00a0 Acci\u00f3n de tutela instaurada por Maria Teresa Zuluaga Gomez contra Instituto de Seguros Sociales, Seccional Risaralda. \u00a0 Dr. FABIO MORON DIAZ\u00a0 \u00a0 Santaf\u00e9 de Bogot\u00e1, D.C., mayo quince (15) del a\u00f1o dos mil (2000) \u00a0\u00a0 \u00a0 \u00a0 \u00a0\u00a0 \u00a0 La Sala S\u00e9ptima de Revisi\u00f3n de Tutelas de la Corte Constitucional, integrada por los Magistrados VLADIMIRO NARANJO MESA, ALVARO TAFUR GALVIS y FABIO MORON DIAZ, en ejercicio de sus competencias constitucionales y legales, ha ...<br \/><div class=\"pt-cv-rmwrap\"><a href=\"https:\/\/www.dmsjuridica.com\/buscador_20179478954\/corteconstitucionalcronologico202454587\/t-552-00\/\" class=\"_self pt-cv-readmore btn btn-success\" target=\"_self\">Ver Sentencia Completa...<\/a><\/div><\/div><\/div><\/div>\n<div class=\"col-md-12 col-sm-12 col-xs-12 pt-cv-content-item pt-cv-1-col\" ><div class='pt-cv-ifield'><a href=\"https:\/\/www.dmsjuridica.com\/buscador_20179478954\/corteconstitucionalcronologico202454587\/t-551-00\/\" class=\"_self pt-cv-href-thumbnail pt-cv-thumb-default\" target=\"_self\" ><\/a>\n<div class=\"pt-cv-taxoterm above_title\"><a href='https:\/\/www.dmsjuridica.com\/buscador_20179478954\/corteconstitucionalcronologico202454587\/category\/buscar-en-toda-la-corte\/2000\/tutelas-2000\/' title='Tutelas 2000' class='pt-cv-tax-tutelas-2000'>Tutelas 2000<\/a><\/div>\n<h4 class=\"pt-cv-title\"><a href=\"https:\/\/www.dmsjuridica.com\/buscador_20179478954\/corteconstitucionalcronologico202454587\/t-551-00\/\" class=\"_self\" target=\"_self\" >T-551-00<\/a><\/h4>\n<div class=\"pt-cv-content\">\u00a0 \u00a0 Sentencia T-551\/00 \u00a0 MEDIO DE DEFENSA JUDICIAL-Eficacia\/ACCION DE TUTELA-Subsidiariedad \u00a0 DEBIDO PROCESO-No interposici\u00f3n de recursos\/DEBIDO PROCESO-Vulneraci\u00f3n por proferir \u00f3rdenes de embargo contra rentas departamentales \u00a0 El Gobernador del Cauca, demandante en la tutela, alega que el Tribunal Administrativo del Cauca le viol\u00f3 el derecho al debido proceso al departamento al proferir las \u00f3rdenes de embargo contra las rentas departamentales en favor de las instituciones financieras dentro del proceso ejecutivo, pero encuentra la Sala que el tr\u00e1mite establecido por la ley fue cumplido a cabalidad por el citado Tribunal, pues la parte demandada tuvo las oportunidades necesarias para presentar ...<br \/><div class=\"pt-cv-rmwrap\"><a href=\"https:\/\/www.dmsjuridica.com\/buscador_20179478954\/corteconstitucionalcronologico202454587\/t-551-00\/\" class=\"_self pt-cv-readmore btn btn-success\" target=\"_self\">Ver Sentencia Completa...<\/a><\/div><\/div><\/div><\/div>\n<div class=\"col-md-12 col-sm-12 col-xs-12 pt-cv-content-item pt-cv-1-col\" ><div class='pt-cv-ifield'><a href=\"https:\/\/www.dmsjuridica.com\/buscador_20179478954\/corteconstitucionalcronologico202454587\/t-550-00\/\" class=\"_self pt-cv-href-thumbnail pt-cv-thumb-default\" target=\"_self\" ><\/a>\n<div class=\"pt-cv-taxoterm above_title\"><a href='https:\/\/www.dmsjuridica.com\/buscador_20179478954\/corteconstitucionalcronologico202454587\/category\/buscar-en-toda-la-corte\/2000\/tutelas-2000\/' title='Tutelas 2000' class='pt-cv-tax-tutelas-2000'>Tutelas 2000<\/a><\/div>\n<h4 class=\"pt-cv-title\"><a href=\"https:\/\/www.dmsjuridica.com\/buscador_20179478954\/corteconstitucionalcronologico202454587\/t-550-00\/\" class=\"_self\" target=\"_self\" >T-550-00<\/a><\/h4>\n<div class=\"pt-cv-content\">\u00a0 \u00a0 Sentencia T-550\/00 \u00a0 \u00a0 DERECHOS COLECTIVOS-Protecci\u00f3n excepcional por tutela \u00a0 DERECHO AL AMBIENTE SANO-Calidad de vida\/AUTORIDAD ADMINISTRATIVA-Omisi\u00f3n\/DERECHO A LA SALUD-Calidad de vida \u00a0 \u00a0Las normas ambientales, contenidas en diferentes estatutos, respetan la libertad de la actividad econ\u00f3mica que desarrollan los particulares, pero le imponen una serie de limitaciones y condicionamientos a su ejercicio que tienden a hacer compatibles el desarrollo econ\u00f3mico sostenido con la necesidad de preservar y mantener un ambiente sano. Dichos estatutos subordinaban el inter\u00e9s privado que representa la actividad econ\u00f3mica \u00a0al inter\u00e9s p\u00fablico o social que exige la preservaci\u00f3n del ambiente, de tal suerte que ...<br \/><div class=\"pt-cv-rmwrap\"><a href=\"https:\/\/www.dmsjuridica.com\/buscador_20179478954\/corteconstitucionalcronologico202454587\/t-550-00\/\" class=\"_self pt-cv-readmore btn btn-success\" target=\"_self\">Ver Sentencia Completa...<\/a><\/div><\/div><\/div><\/div>\n<div class=\"col-md-12 col-sm-12 col-xs-12 pt-cv-content-item pt-cv-1-col\" ><div class='pt-cv-ifield'><a href=\"https:\/\/www.dmsjuridica.com\/buscador_20179478954\/corteconstitucionalcronologico202454587\/t-549-00\/\" class=\"_self pt-cv-href-thumbnail pt-cv-thumb-default\" target=\"_self\" ><\/a>\n<div class=\"pt-cv-taxoterm above_title\"><a href='https:\/\/www.dmsjuridica.com\/buscador_20179478954\/corteconstitucionalcronologico202454587\/category\/buscar-en-toda-la-corte\/2000\/tutelas-2000\/' title='Tutelas 2000' class='pt-cv-tax-tutelas-2000'>Tutelas 2000<\/a><\/div>\n<h4 class=\"pt-cv-title\"><a href=\"https:\/\/www.dmsjuridica.com\/buscador_20179478954\/corteconstitucionalcronologico202454587\/t-549-00\/\" class=\"_self\" target=\"_self\" >T-549-00<\/a><\/h4>\n<div class=\"pt-cv-content\">\u00a0 \u00a0 Sentencia T-549\/00 \u00a0 DERECHO DE PETICION-Alcance y contenido\/DERECHO DE PETICION ANTE ORGANIZACIONES PRIVADAS-Alcance \u00a0 DERECHO A LA SALUD-No se pueden oponer periodos m\u00ednimos de cotizaci\u00f3n ante situaciones de urgencia \u00a0 DERECHO A LA VIDA-Suministro de tratamiento y entrega de medicamentos por EPS sin cumplir periodo m\u00ednimo de cotizaci\u00f3n\/ENFERMEDADES CATASTROFICAS O RUINOSAS-Suministro de tratamiento y medicamentos por EPS sin cumplir periodo m\u00ednimo de cotizaci\u00f3n \u00a0 DERECHO DE PETICION-T\u00e9rmino para dar contestaci\u00f3n \u00a0 Referencia: expediente T- 297857 \u00a0 \u00a0 \u00a0 Acci\u00f3n de tutela instaurada por Hayde S\u00e1nchez vs. Saludcoop \u00a0 Procedencia: Sala Penal del Tribunal de Ibagu\u00e9 \u00a0 Magistrado Ponente: ...<br \/><div class=\"pt-cv-rmwrap\"><a href=\"https:\/\/www.dmsjuridica.com\/buscador_20179478954\/corteconstitucionalcronologico202454587\/t-549-00\/\" class=\"_self pt-cv-readmore btn btn-success\" target=\"_self\">Ver Sentencia Completa...<\/a><\/div><\/div><\/div><\/div>\n<div class=\"col-md-12 col-sm-12 col-xs-12 pt-cv-content-item pt-cv-1-col\" ><div class='pt-cv-ifield'><a href=\"https:\/\/www.dmsjuridica.com\/buscador_20179478954\/corteconstitucionalcronologico202454587\/t-548-00\/\" class=\"_self pt-cv-href-thumbnail pt-cv-thumb-default\" target=\"_self\" ><\/a>\n<div class=\"pt-cv-taxoterm above_title\"><a href='https:\/\/www.dmsjuridica.com\/buscador_20179478954\/corteconstitucionalcronologico202454587\/category\/buscar-en-toda-la-corte\/2000\/tutelas-2000\/' title='Tutelas 2000' class='pt-cv-tax-tutelas-2000'>Tutelas 2000<\/a><\/div>\n<h4 class=\"pt-cv-title\"><a href=\"https:\/\/www.dmsjuridica.com\/buscador_20179478954\/corteconstitucionalcronologico202454587\/t-548-00\/\" class=\"_self\" target=\"_self\" >T-548-00<\/a><\/h4>\n<div class=\"pt-cv-content\">\u00a0 \u00a0 Sentencia T-548\/00 \u00a0 DERECHO A LA SALUD-Fundamental por conexidad \u00a0 DERECHO A LA SALUD-Alcance \u00a0 DERECHO A LA INTEGRIDAD FISICA-Extensi\u00f3n de la vida y vinculaci\u00f3n con la salud \u00a0 DERECHO A LA SALUD-Asistencia m\u00e9dica\/DERECHO A LA SALUD-Progreso del paciente\/DERECHO A LA SALUD-Mejoramiento calidad de vida \u00a0 \u00a0 \u00a0 Acci\u00f3n de tutela instaurada por Ana Francisca Nore\u00f1a Estrada contra el ISS \u00a0 Procedencia: Tribunal Administrativo de Santander \u00a0 Magistrado Ponente: \u00a0 Dr. ALEJANDRO MARTINEZ CABALLERO \u00a0 Santa Fe de Bogot\u00e1, D.C., quince (15) de mayo del dos mil (2.000). \u00a0 La Sala Sexta de Revisi\u00f3n de la Corte Constitucional, ...<br \/><div class=\"pt-cv-rmwrap\"><a href=\"https:\/\/www.dmsjuridica.com\/buscador_20179478954\/corteconstitucionalcronologico202454587\/t-548-00\/\" class=\"_self pt-cv-readmore btn btn-success\" target=\"_self\">Ver Sentencia Completa...<\/a><\/div><\/div><\/div><\/div>\n<div class=\"col-md-12 col-sm-12 col-xs-12 pt-cv-content-item pt-cv-1-col\" ><div class='pt-cv-ifield'><a href=\"https:\/\/www.dmsjuridica.com\/buscador_20179478954\/corteconstitucionalcronologico202454587\/t-547-00\/\" class=\"_self pt-cv-href-thumbnail pt-cv-thumb-default\" target=\"_self\" ><\/a>\n<div class=\"pt-cv-taxoterm above_title\"><a href='https:\/\/www.dmsjuridica.com\/buscador_20179478954\/corteconstitucionalcronologico202454587\/category\/buscar-en-toda-la-corte\/2000\/tutelas-2000\/' title='Tutelas 2000' class='pt-cv-tax-tutelas-2000'>Tutelas 2000<\/a><\/div>\n<h4 class=\"pt-cv-title\"><a href=\"https:\/\/www.dmsjuridica.com\/buscador_20179478954\/corteconstitucionalcronologico202454587\/t-547-00\/\" class=\"_self\" target=\"_self\" >T-547-00<\/a><\/h4>\n<div class=\"pt-cv-content\">\u00a0 \u00a0 Sentencia T-547\/00 \u00a0 DERECHO A LA SALUD-No se pueden oponer periodos m\u00ednimos de cotizaci\u00f3n ante situaciones de urgencia \u00a0 DERECHO A LA VIDA-Suministro de tratamiento y entrega de medicamentos por EPS sin cumplir periodo m\u00ednimo de cotizaci\u00f3n \u00a0 Referencia: expediente T- 298650 \u00a0 \u00a0 \u00a0 Acci\u00f3n de tutela instaurada por Lida Yaneth Tenjo Araque contra Colseguros S. A. EPS. \u00a0 Procedencia: Sala Laboral del Tribunal de Santa Rosa \u00a0 Magistrado Ponente: \u00a0 Dr. ALEJANDRO MARTINEZ CABALLERO \u00a0 Santa Fe de Bogot\u00e1, D.C., quince (15) de mayo del dos mil (2.000). \u00a0 La Sala Sexta de Revisi\u00f3n de la ...<br \/><div class=\"pt-cv-rmwrap\"><a href=\"https:\/\/www.dmsjuridica.com\/buscador_20179478954\/corteconstitucionalcronologico202454587\/t-547-00\/\" class=\"_self pt-cv-readmore btn btn-success\" target=\"_self\">Ver Sentencia Completa...<\/a><\/div><\/div><\/div><\/div>\n<div class=\"col-md-12 col-sm-12 col-xs-12 pt-cv-content-item pt-cv-1-col\" ><div class='pt-cv-ifield'><a href=\"https:\/\/www.dmsjuridica.com\/buscador_20179478954\/corteconstitucionalcronologico202454587\/t-546-00\/\" class=\"_self pt-cv-href-thumbnail pt-cv-thumb-default\" target=\"_self\" ><\/a>\n<div class=\"pt-cv-taxoterm above_title\"><a href='https:\/\/www.dmsjuridica.com\/buscador_20179478954\/corteconstitucionalcronologico202454587\/category\/buscar-en-toda-la-corte\/2000\/tutelas-2000\/' title='Tutelas 2000' class='pt-cv-tax-tutelas-2000'>Tutelas 2000<\/a><\/div>\n<h4 class=\"pt-cv-title\"><a href=\"https:\/\/www.dmsjuridica.com\/buscador_20179478954\/corteconstitucionalcronologico202454587\/t-546-00\/\" class=\"_self\" target=\"_self\" >T-546-00<\/a><\/h4>\n<div class=\"pt-cv-content\">\u00a0 \u00a0 Sentencia T-546\/00 \u00a0 DEBIDO PROCESO-Alcance \u00a0 El derecho al debido proceso considerado de manera abstracta constituye una aplicaci\u00f3n del principio de legalidad dentro de un proceso judicial o administrativo. Tal definici\u00f3n, a\u00fan sin necesidad de que se determinen el contenido y los alcances del derecho, tiene una repercusi\u00f3n fundamental: garantizarles a las personas que la actividad de las autoridades estatales va a seguir un conjunto de reglas procesales establecidas de antemano. \u00a0Este derecho, as\u00ed formulado, brinda a los individuos seguridad frente a la actividad estatal, y garantiza que dichas reglas se apliquen por igual a todos, como consecuencia ...<br \/><div class=\"pt-cv-rmwrap\"><a href=\"https:\/\/www.dmsjuridica.com\/buscador_20179478954\/corteconstitucionalcronologico202454587\/t-546-00\/\" class=\"_self pt-cv-readmore btn btn-success\" target=\"_self\">Ver Sentencia Completa...<\/a><\/div><\/div><\/div><\/div>\n<div class=\"col-md-12 col-sm-12 col-xs-12 pt-cv-content-item pt-cv-1-col\" ><div class='pt-cv-ifield'><a href=\"https:\/\/www.dmsjuridica.com\/buscador_20179478954\/corteconstitucionalcronologico202454587\/t-545-00\/\" class=\"_self pt-cv-href-thumbnail pt-cv-thumb-default\" target=\"_self\" ><\/a>\n<div class=\"pt-cv-taxoterm above_title\"><a href='https:\/\/www.dmsjuridica.com\/buscador_20179478954\/corteconstitucionalcronologico202454587\/category\/buscar-en-toda-la-corte\/2000\/tutelas-2000\/' title='Tutelas 2000' class='pt-cv-tax-tutelas-2000'>Tutelas 2000<\/a><\/div>\n<h4 class=\"pt-cv-title\"><a href=\"https:\/\/www.dmsjuridica.com\/buscador_20179478954\/corteconstitucionalcronologico202454587\/t-545-00\/\" class=\"_self\" target=\"_self\" >T-545-00<\/a><\/h4>\n<div class=\"pt-cv-content\">\u00a0 \u00a0 Sentencia T-545\/00 \u00a0 DERECHO A LA SALUD-Fundamental por conexidad\/DERECHO A LA VIDA DIGNA-Alcance respecto de la salud \u00a0 DERECHO A LA SALUD-Incumplimiento del empleador en trasladar aportes a seguridad social \u00a0 MORA PATRONAL-Prestaci\u00f3n de servicios de salud primaria o subsidiariamente\/ENTIDAD PROMOTORA DE SALUD-Repetici\u00f3n contra empleador \u00a0 ACCION DE TUTELA-Hecho superado\/DERECHO A LA VIDA DIGNA-Autorizaci\u00f3n de cirug\u00eda de cadera \u00a0 Referencia: expediente T-277.482 \u00a0 Peticionario: Gloria G\u00f3mez de Pe\u00f1a \u00a0 Procedencia: \u00a0 Corte Suprema de Justicia, Sala de Casaci\u00f3n \u00a0 Civil y Agraria \u00a0 Magistrado Ponente: \u00a0 Dr. VLADIMIRO NARANJO MESA \u00a0 Santaf\u00e9 de Bogot\u00e1, D.C., quince (15) de ...<br \/><div class=\"pt-cv-rmwrap\"><a href=\"https:\/\/www.dmsjuridica.com\/buscador_20179478954\/corteconstitucionalcronologico202454587\/t-545-00\/\" class=\"_self pt-cv-readmore btn btn-success\" target=\"_self\">Ver Sentencia Completa...<\/a><\/div><\/div><\/div><\/div>\n<div class=\"col-md-12 col-sm-12 col-xs-12 pt-cv-content-item pt-cv-1-col\" ><div class='pt-cv-ifield'><a href=\"https:\/\/www.dmsjuridica.com\/buscador_20179478954\/corteconstitucionalcronologico202454587\/t-544-00\/\" class=\"_self pt-cv-href-thumbnail pt-cv-thumb-default\" target=\"_self\" ><\/a>\n<div class=\"pt-cv-taxoterm above_title\"><a href='https:\/\/www.dmsjuridica.com\/buscador_20179478954\/corteconstitucionalcronologico202454587\/category\/buscar-en-toda-la-corte\/2000\/tutelas-2000\/' title='Tutelas 2000' class='pt-cv-tax-tutelas-2000'>Tutelas 2000<\/a><\/div>\n<h4 class=\"pt-cv-title\"><a href=\"https:\/\/www.dmsjuridica.com\/buscador_20179478954\/corteconstitucionalcronologico202454587\/t-544-00\/\" class=\"_self\" target=\"_self\" >T-544-00<\/a><\/h4>\n<div class=\"pt-cv-content\">\u00a0 \u00a0 Sentencia T-544\/00 \u00a0 ACCION DE TUTELA-Informalidad\/PREVALENCIA DEL DERECHO SUSTANCIAL \u00a0 El Constituyente, al establecer la acci\u00f3n de tutela como procedimiento preferente y sumario, busc\u00f3 en especial la primac\u00eda material de los derechos fundamentales, superando el formalismo, por lo cual quiso que el instrumento judicial de defensa estuviese al alcance de todas las personas. Caracteriz\u00f3 entonces esta acci\u00f3n por su informalidad, y elimin\u00f3 toda barrera procesal que obstruyera su libre ejercicio, a tal punto que, como lo ha sostenido la jurisprudencia, inclusive los menores y los incapaces -que no podr\u00edan obrar en otros procesos directamente- pueden instaurarla. En la ...<br \/><div class=\"pt-cv-rmwrap\"><a href=\"https:\/\/www.dmsjuridica.com\/buscador_20179478954\/corteconstitucionalcronologico202454587\/t-544-00\/\" class=\"_self pt-cv-readmore btn btn-success\" target=\"_self\">Ver Sentencia Completa...<\/a><\/div><\/div><\/div><\/div>\n<div class=\"col-md-12 col-sm-12 col-xs-12 pt-cv-content-item pt-cv-1-col\" ><div class='pt-cv-ifield'><a href=\"https:\/\/www.dmsjuridica.com\/buscador_20179478954\/corteconstitucionalcronologico202454587\/t-543-00\/\" class=\"_self pt-cv-href-thumbnail pt-cv-thumb-default\" target=\"_self\" ><\/a>\n<div class=\"pt-cv-taxoterm above_title\"><a href='https:\/\/www.dmsjuridica.com\/buscador_20179478954\/corteconstitucionalcronologico202454587\/category\/buscar-en-toda-la-corte\/2000\/tutelas-2000\/' title='Tutelas 2000' class='pt-cv-tax-tutelas-2000'>Tutelas 2000<\/a><\/div>\n<h4 class=\"pt-cv-title\"><a href=\"https:\/\/www.dmsjuridica.com\/buscador_20179478954\/corteconstitucionalcronologico202454587\/t-543-00\/\" class=\"_self\" target=\"_self\" >T-543-00<\/a><\/h4>\n<div class=\"pt-cv-content\">\u00a0 \u00a0 Sentencia T-543\/00 \u00a0 DERECHO DE PETICION ANTE ORGANIZACIONES PRIVADAS-Alcance\/DERECHO DE PETICION ANTE ORGANIZACIONES PRIVADAS-Dignidad del trabajador hace exigible respuesta a\u00fan de particulares \u00a0 Referencia: expediente T-276832 \u00a0 Acci\u00f3n de tutela instaurada por Luz Marina Cogollo Mej\u00eda contra Electricaribe S.A. Esp.\u00a0 \u00a0 Magistrado Ponente: \u00a0 Dr. JOS\u00c9 GREGORIO HERN\u00c1NDEZ GALINDO \u00a0 Santa Fe de Bogot\u00e1, D.C., quince (15) de mayo de dos mil (2000). \u00a0 La Sala Quinta de Revisi\u00f3n de la Corte Constitucional, en ejercicio de sus competencias constitucionales y legales, espec\u00edficamente las previstas en los art\u00edculos 86 y 241, numeral 9, de la Constituci\u00f3n Pol\u00edtica y en ...<br \/><div class=\"pt-cv-rmwrap\"><a href=\"https:\/\/www.dmsjuridica.com\/buscador_20179478954\/corteconstitucionalcronologico202454587\/t-543-00\/\" class=\"_self pt-cv-readmore btn btn-success\" target=\"_self\">Ver Sentencia Completa...<\/a><\/div><\/div><\/div><\/div>\n<div class=\"col-md-12 col-sm-12 col-xs-12 pt-cv-content-item pt-cv-1-col\" ><div class='pt-cv-ifield'><a href=\"https:\/\/www.dmsjuridica.com\/buscador_20179478954\/corteconstitucionalcronologico202454587\/t-542-00\/\" class=\"_self pt-cv-href-thumbnail pt-cv-thumb-default\" target=\"_self\" ><\/a>\n<div class=\"pt-cv-taxoterm above_title\"><a href='https:\/\/www.dmsjuridica.com\/buscador_20179478954\/corteconstitucionalcronologico202454587\/category\/buscar-en-toda-la-corte\/2000\/tutelas-2000\/' title='Tutelas 2000' class='pt-cv-tax-tutelas-2000'>Tutelas 2000<\/a><\/div>\n<h4 class=\"pt-cv-title\"><a href=\"https:\/\/www.dmsjuridica.com\/buscador_20179478954\/corteconstitucionalcronologico202454587\/t-542-00\/\" class=\"_self\" target=\"_self\" >T-542-00<\/a><\/h4>\n<div class=\"pt-cv-content\">\u00a0 \u00a0 Sentencia T-542\/00 \u00a0 DERECHO AL MINIMO VITAL DE PERSONA DE LA TERCERA EDAD-Pago oportuno de mesadas pensionales \u00a0 Referencia: expediente T-242243 \u00a0 Acci\u00f3n de tutela incoada por Leyla Rojas de Marroqu\u00edn contra el Departamento del Huila. \u00a0 Magistrado Ponente: \u00a0 Dr. JOS\u00c9 GREGORIO HERN\u00c1NDEZ GALINDO\u00a0 \u00a0 Santa Fe de Bogot\u00e1, D.C., quince (15) de mayo de dos mil (2000). \u00a0 La Sala Quinta de Revisi\u00f3n de la Corte Constitucional, en ejercicio de sus competencias constitucionales y legales, espec\u00edficamente las previstas en los art\u00edculos 86 y \u00a0241, numeral 9, de la Constituci\u00f3n Pol\u00edtica y en el Decreto 2591 de ...<br \/><div class=\"pt-cv-rmwrap\"><a href=\"https:\/\/www.dmsjuridica.com\/buscador_20179478954\/corteconstitucionalcronologico202454587\/t-542-00\/\" class=\"_self pt-cv-readmore btn btn-success\" target=\"_self\">Ver Sentencia Completa...<\/a><\/div><\/div><\/div><\/div>\n<div class=\"col-md-12 col-sm-12 col-xs-12 pt-cv-content-item pt-cv-1-col\" ><div class='pt-cv-ifield'><a href=\"https:\/\/www.dmsjuridica.com\/buscador_20179478954\/corteconstitucionalcronologico202454587\/t-541-00\/\" class=\"_self pt-cv-href-thumbnail pt-cv-thumb-default\" target=\"_self\" ><\/a>\n<div class=\"pt-cv-taxoterm above_title\"><a href='https:\/\/www.dmsjuridica.com\/buscador_20179478954\/corteconstitucionalcronologico202454587\/category\/buscar-en-toda-la-corte\/2000\/tutelas-2000\/' title='Tutelas 2000' class='pt-cv-tax-tutelas-2000'>Tutelas 2000<\/a><\/div>\n<h4 class=\"pt-cv-title\"><a href=\"https:\/\/www.dmsjuridica.com\/buscador_20179478954\/corteconstitucionalcronologico202454587\/t-541-00\/\" class=\"_self\" target=\"_self\" >T-541-00<\/a><\/h4>\n<div class=\"pt-cv-content\">\u00a0 \u00a0 Sentencia T-541\/00 \u00a0 ACCION DE TUTELA-Subsidiariedad \u00a0 ACCION DE TUTELA-Procedencia excepcional pago de acreencias laborales \u00a0 DERECHO AL MINIMO VITAL DEL TRABAJADOR-Presunci\u00f3n de afectaci\u00f3n por ausencia prolongada en pago de salarios \u00a0 DERECHO AL MINIMO VITAL DEL TRABAJADOR-No afectaci\u00f3n por no pago de primas complementarias de salario a educadores \u00a0 Reiteracion De Jurisprudencia \u00a0 Referencia: Expedientes \u00a0 T-281466, T-281572, T-281573, T-281574, \u00a0 T-282165, T-282209, T-282556, T-282823, \u00a0 T-282826, T-283047, T-283170, T-283224,\u00a0 \u00a0 T-283225, T-283235, T-283236, T-283237, \u00a0 T-283238, T-283239, T-283244, T-283250, \u00a0 T-283252. \u00a0 \u00a0 Accionantes: Margarita Celina Sierra Posada y otros. \u00a0 Magistrado Ponente: \u00a0 Dr. ANTONIO ...<br \/><div class=\"pt-cv-rmwrap\"><a href=\"https:\/\/www.dmsjuridica.com\/buscador_20179478954\/corteconstitucionalcronologico202454587\/t-541-00\/\" class=\"_self pt-cv-readmore btn btn-success\" target=\"_self\">Ver Sentencia Completa...<\/a><\/div><\/div><\/div><\/div>\n<div class=\"col-md-12 col-sm-12 col-xs-12 pt-cv-content-item pt-cv-1-col\" ><div class='pt-cv-ifield'><a href=\"https:\/\/www.dmsjuridica.com\/buscador_20179478954\/corteconstitucionalcronologico202454587\/t-540-00\/\" class=\"_self pt-cv-href-thumbnail pt-cv-thumb-default\" target=\"_self\" ><\/a>\n<div class=\"pt-cv-taxoterm above_title\"><a href='https:\/\/www.dmsjuridica.com\/buscador_20179478954\/corteconstitucionalcronologico202454587\/category\/buscar-en-toda-la-corte\/2000\/tutelas-2000\/' title='Tutelas 2000' class='pt-cv-tax-tutelas-2000'>Tutelas 2000<\/a><\/div>\n<h4 class=\"pt-cv-title\"><a href=\"https:\/\/www.dmsjuridica.com\/buscador_20179478954\/corteconstitucionalcronologico202454587\/t-540-00\/\" class=\"_self\" target=\"_self\" >T-540-00<\/a><\/h4>\n<div class=\"pt-cv-content\">\u00a0 \u00a0 Sentencia T-540\/00 \u00a0 \u00a0 ACCION DE TUTELA-Procedencia frente a proceso de fusi\u00f3n por absorci\u00f3n de empresas \u00a0 Proceden las acciones instauradas por los actores, independientemente de que se haya producido un proceso de fusi\u00f3n por absorci\u00f3n, de las antiguas empresas de electrificaci\u00f3n de la Costa Atl\u00e1ntica, a una nueva sociedad comercial de energ\u00eda el\u00e9ctrica, ello en raz\u00f3n a que se dan los presupuestos indicados en el art\u00edculo 86 de la Constituci\u00f3n Pol\u00edtica. Las empresas que prestan servicios p\u00fablicos (energ\u00eda en este caso), cualquiera sea su naturaleza -privada, mixta o p\u00fablica-, est\u00e1n sujetas, en raz\u00f3n de su actividad, a ...<br \/><div class=\"pt-cv-rmwrap\"><a href=\"https:\/\/www.dmsjuridica.com\/buscador_20179478954\/corteconstitucionalcronologico202454587\/t-540-00\/\" class=\"_self pt-cv-readmore btn btn-success\" target=\"_self\">Ver Sentencia Completa...<\/a><\/div><\/div><\/div><\/div>\n<div class=\"col-md-12 col-sm-12 col-xs-12 pt-cv-content-item pt-cv-1-col\" ><div class='pt-cv-ifield'><a href=\"https:\/\/www.dmsjuridica.com\/buscador_20179478954\/corteconstitucionalcronologico202454587\/t-539-00\/\" class=\"_self pt-cv-href-thumbnail pt-cv-thumb-default\" target=\"_self\" ><\/a>\n<div class=\"pt-cv-taxoterm above_title\"><a href='https:\/\/www.dmsjuridica.com\/buscador_20179478954\/corteconstitucionalcronologico202454587\/category\/buscar-en-toda-la-corte\/2000\/tutelas-2000\/' title='Tutelas 2000' class='pt-cv-tax-tutelas-2000'>Tutelas 2000<\/a><\/div>\n<h4 class=\"pt-cv-title\"><a href=\"https:\/\/www.dmsjuridica.com\/buscador_20179478954\/corteconstitucionalcronologico202454587\/t-539-00\/\" class=\"_self\" target=\"_self\" >T-539-00<\/a><\/h4>\n<div class=\"pt-cv-content\">\u00a0 \u00a0 Sentencia T-539\/00 \u00a0 PLAN OBLIGATORIO DE SALUD-Exclusiones y limitaciones\/PLAN OBLIGATORIO DE SALUD-Cubrimiento de cirug\u00eda que no tiene fines est\u00e9ticos \u00a0 VIDA DIGNA-Necesidad de cirug\u00eda que no tiene fines est\u00e9ticos \u00a0 Referencia: expediente T-290770 \u00a0 Acci\u00f3n de tutela instaurada por Mary Felly Osorio L\u00f3pez contra el Seguro Social, I.S.S. Seccional Antioquia. \u00a0 Magistrado Ponente: \u00a0 Dr. ANTONIO BARRERA CARBONELL \u00a0 Santaf\u00e9 de Bogot\u00e1, D.C., mayo once (11) de dos mil (2000). \u00a0 La Sala Primera de Revisi\u00f3n de la Corte Constitucional, integrada por los Magistrados Antonio Barrera Carbonell, Alfredo Beltr\u00e1n Sierra y Eduardo Cifuentes Mu\u00f1oz, en ejercicio de sus ...<br \/><div class=\"pt-cv-rmwrap\"><a href=\"https:\/\/www.dmsjuridica.com\/buscador_20179478954\/corteconstitucionalcronologico202454587\/t-539-00\/\" class=\"_self pt-cv-readmore btn btn-success\" target=\"_self\">Ver Sentencia Completa...<\/a><\/div><\/div><\/div><\/div>\n<div class=\"col-md-12 col-sm-12 col-xs-12 pt-cv-content-item pt-cv-1-col\" ><div class='pt-cv-ifield'><a href=\"https:\/\/www.dmsjuridica.com\/buscador_20179478954\/corteconstitucionalcronologico202454587\/t-538-00\/\" class=\"_self pt-cv-href-thumbnail pt-cv-thumb-default\" target=\"_self\" ><\/a>\n<div class=\"pt-cv-taxoterm above_title\"><a href='https:\/\/www.dmsjuridica.com\/buscador_20179478954\/corteconstitucionalcronologico202454587\/category\/buscar-en-toda-la-corte\/2000\/tutelas-2000\/' title='Tutelas 2000' class='pt-cv-tax-tutelas-2000'>Tutelas 2000<\/a><\/div>\n<h4 class=\"pt-cv-title\"><a href=\"https:\/\/www.dmsjuridica.com\/buscador_20179478954\/corteconstitucionalcronologico202454587\/t-538-00\/\" class=\"_self\" target=\"_self\" >T-538-00<\/a><\/h4>\n<div class=\"pt-cv-content\">\u00a0 \u00a0 Sentencia T-538\/00 \u00a0 BONOS PENSIONALES-Procedencia de tutela para reclamar la remisi\u00f3n \u00a0 DERECHO A LA VIDA-Remisi\u00f3n oportuna del bono pensional\/DERECHO DE PERSONAS DE LA TERCERA EDAD-Remisi\u00f3n oportuna del bono pensional \u00a0 Referencia: expedientes acumulados: T-239860; T-247721; T-251809; T-251457; T-251981; T-256603, T-257657 y T 265228. \u00a0 \u00a0 Accionantes: \u00a0 Jos\u00e9 Manuel Stevenson Valdeblanquez; Dar\u00edo Humberto Trejos Calvo; Jos\u00e9 Rodr\u00edguez Pati\u00f1o; Abelardo Yepes Ort\u00edz; Mar\u00eda In\u00e9s Ayala de Enr\u00edquez; Carlos Arturo Jaramillo Osorio y Sigifredo D\u00edaz Duque.\u00a0 \u00a0 Magistrado Ponente: \u00a0 Dr. ANTONIO BARRERA CARBONELL. \u00a0 Santaf\u00e9 de Bogot\u00e1, D.C, mayo once (11) \u00a0de dos mil (2000). \u00a0 La Sala ...<br \/><div class=\"pt-cv-rmwrap\"><a href=\"https:\/\/www.dmsjuridica.com\/buscador_20179478954\/corteconstitucionalcronologico202454587\/t-538-00\/\" class=\"_self pt-cv-readmore btn btn-success\" target=\"_self\">Ver Sentencia Completa...<\/a><\/div><\/div><\/div><\/div>\n<div class=\"col-md-12 col-sm-12 col-xs-12 pt-cv-content-item pt-cv-1-col\" ><div class='pt-cv-ifield'><a href=\"https:\/\/www.dmsjuridica.com\/buscador_20179478954\/corteconstitucionalcronologico202454587\/t-537-00\/\" class=\"_self pt-cv-href-thumbnail pt-cv-thumb-default\" target=\"_self\" ><\/a>\n<div class=\"pt-cv-taxoterm above_title\"><a href='https:\/\/www.dmsjuridica.com\/buscador_20179478954\/corteconstitucionalcronologico202454587\/category\/buscar-en-toda-la-corte\/2000\/tutelas-2000\/' title='Tutelas 2000' class='pt-cv-tax-tutelas-2000'>Tutelas 2000<\/a><\/div>\n<h4 class=\"pt-cv-title\"><a href=\"https:\/\/www.dmsjuridica.com\/buscador_20179478954\/corteconstitucionalcronologico202454587\/t-537-00\/\" class=\"_self\" target=\"_self\" >T-537-00<\/a><\/h4>\n<div class=\"pt-cv-content\">\u00a0 \u00a0 Sentencia T-537\/00 \u00a0 ACCION DE TUTELA-T\u00e9rmino de presentaci\u00f3n\/ACCION DE TUTELA-Inmediatez \u00a0 ACCION DE TUTELA-Inactividad del accionante para interponerla \u00a0 Si la inactividad del accionante para ejercer las acciones ordinarias, cuando \u00e9stas proveen una protecci\u00f3n eficaz, impide que se conceda la acci\u00f3n de tutela, del mismo modo, es necesario aceptar que la inactividad para interponer esta \u00faltima acci\u00f3n durante un t\u00e9rmino prudencial, debe llevar a que no se conceda. \u00a0En el caso en que sea la tutela y no otro medio de defensa el que se ha dejado de interponer a tiempo, tambi\u00e9n es aplicable el principio, seg\u00fan el ...<br \/><div class=\"pt-cv-rmwrap\"><a href=\"https:\/\/www.dmsjuridica.com\/buscador_20179478954\/corteconstitucionalcronologico202454587\/t-537-00\/\" class=\"_self pt-cv-readmore btn btn-success\" target=\"_self\">Ver Sentencia Completa...<\/a><\/div><\/div><\/div><\/div>\n<div class=\"col-md-12 col-sm-12 col-xs-12 pt-cv-content-item pt-cv-1-col\" ><div class='pt-cv-ifield'><a href=\"https:\/\/www.dmsjuridica.com\/buscador_20179478954\/corteconstitucionalcronologico202454587\/t-536-00\/\" class=\"_self pt-cv-href-thumbnail pt-cv-thumb-default\" target=\"_self\" ><\/a>\n<div class=\"pt-cv-taxoterm above_title\"><a href='https:\/\/www.dmsjuridica.com\/buscador_20179478954\/corteconstitucionalcronologico202454587\/category\/buscar-en-toda-la-corte\/2000\/tutelas-2000\/' title='Tutelas 2000' class='pt-cv-tax-tutelas-2000'>Tutelas 2000<\/a><\/div>\n<h4 class=\"pt-cv-title\"><a href=\"https:\/\/www.dmsjuridica.com\/buscador_20179478954\/corteconstitucionalcronologico202454587\/t-536-00\/\" class=\"_self\" target=\"_self\" >T-536-00<\/a><\/h4>\n<div class=\"pt-cv-content\">\u00a0 \u00a0 Sentencia T-536\/00 \u00a0 CONMUTACION PENSIONAL-Dilataci\u00f3n por compa\u00f1\u00eda de Inversiones de Flota Mercante que afecta derechos de jubilados\/CONMUTACION PENSIONAL-Procedimientos, estudios y propuestas para la efectividad no pueden afectar pago oportuno de mesadas\/DERECHO A LA VIDA DIGNA-Pago oportuno de mesadas pensionales por compa\u00f1\u00eda de inversiones de Flota Mercante \u00a0 Referencia: expediente T- 306493\u00a0 \u00a0 Peticionario: Jos\u00e9 Manuel Galvis \u00a0 \u00a0 \u00a0 Magistrado Ponente:\u00a0 \u00a0 Dr. ALFREDO BELTR\u00c1N SIERRA. \u00a0 Santaf\u00e9 de Bogot\u00e1, D.C., mayo once (11) de dos mil (2000) \u00a0 La Sala Segunda de Revisi\u00f3n de la Corte Constitucional, integrada por los magistrados, Alfredo Beltr\u00e1n Sierra, Eduardo Cifuentes Mu\u00f1oz ...<br \/><div class=\"pt-cv-rmwrap\"><a href=\"https:\/\/www.dmsjuridica.com\/buscador_20179478954\/corteconstitucionalcronologico202454587\/t-536-00\/\" class=\"_self pt-cv-readmore btn btn-success\" target=\"_self\">Ver Sentencia Completa...<\/a><\/div><\/div><\/div><\/div>\n<div class=\"col-md-12 col-sm-12 col-xs-12 pt-cv-content-item pt-cv-1-col\" ><div class='pt-cv-ifield'><a href=\"https:\/\/www.dmsjuridica.com\/buscador_20179478954\/corteconstitucionalcronologico202454587\/t-528-00\/\" class=\"_self pt-cv-href-thumbnail pt-cv-thumb-default\" target=\"_self\" ><\/a>\n<div class=\"pt-cv-taxoterm above_title\"><a href='https:\/\/www.dmsjuridica.com\/buscador_20179478954\/corteconstitucionalcronologico202454587\/category\/buscar-en-toda-la-corte\/2000\/tutelas-2000\/' title='Tutelas 2000' class='pt-cv-tax-tutelas-2000'>Tutelas 2000<\/a><\/div>\n<h4 class=\"pt-cv-title\"><a href=\"https:\/\/www.dmsjuridica.com\/buscador_20179478954\/corteconstitucionalcronologico202454587\/t-528-00\/\" class=\"_self\" target=\"_self\" >T-528-00<\/a><\/h4>\n<div class=\"pt-cv-content\">\u00a0 \u00a0 Sentencia T-528\/00 \u00a0 VIA DE HECHO EN MATERIA DE INTERPRETACION-Fundamento objetivo y razonable \u00a0 TUTELA CONTRA PROVIDENCIAS JUDICIALES-Procedencia excepcional\/VIA DE HECHO-Alcance\/VIA DE HECHO EN MATERIA DE INTERPRETACION-Presupuestos necesarios \u00a0 VIA DE HECHO-Clases de defectos en la actuaci\u00f3n \u00a0 LIBERTAD CONDICIONAL-Valoraci\u00f3n por el juez sobre naturaleza y gravedad del delito cometido\/READAPTACION SOCIAL DEL DELINCUENTE-Valoraci\u00f3n del juez sobre su personalidad \u00a0 El an\u00e1lisis de la personalidad de quien solicita una libertad condicional implica tener muy en cuenta y, de consiguiente, valorar la naturaleza del delito cometido y su gravedad, ya que estos factores, ciertamente, revelan aspectos esenciales de la \u201cpersonalidad\u201d ...<br \/><div class=\"pt-cv-rmwrap\"><a href=\"https:\/\/www.dmsjuridica.com\/buscador_20179478954\/corteconstitucionalcronologico202454587\/t-528-00\/\" class=\"_self pt-cv-readmore btn btn-success\" target=\"_self\">Ver Sentencia Completa...<\/a><\/div><\/div><\/div><\/div>\n<div class=\"col-md-12 col-sm-12 col-xs-12 pt-cv-content-item pt-cv-1-col\" ><div class='pt-cv-ifield'><a href=\"https:\/\/www.dmsjuridica.com\/buscador_20179478954\/corteconstitucionalcronologico202454587\/t-527-00\/\" class=\"_self pt-cv-href-thumbnail pt-cv-thumb-default\" target=\"_self\" ><\/a>\n<div class=\"pt-cv-taxoterm above_title\"><a href='https:\/\/www.dmsjuridica.com\/buscador_20179478954\/corteconstitucionalcronologico202454587\/category\/buscar-en-toda-la-corte\/2000\/tutelas-2000\/' title='Tutelas 2000' class='pt-cv-tax-tutelas-2000'>Tutelas 2000<\/a><\/div>\n<h4 class=\"pt-cv-title\"><a href=\"https:\/\/www.dmsjuridica.com\/buscador_20179478954\/corteconstitucionalcronologico202454587\/t-527-00\/\" class=\"_self\" target=\"_self\" >T-527-00<\/a><\/h4>\n<div class=\"pt-cv-content\">\u00a0 \u00a0 Sentencia T-527\/00\u00a0 \u00a0 HABEAS DATA-N\u00facleo esencial\/DERECHO A LA AUTODETERMINACION INFORMATIVA-Alcance \u00a0 El n\u00facleo esencial del Habeas Data est\u00e1 integrado por el derecho a la autodeterminaci\u00f3n inform\u00e1tica y por la libertad, en general y en especial la econ\u00f3mica; en este sentido, la autodeterminaci\u00f3n implica una facultad de la persona a la cual se refieren los datos, para autorizar su conservaci\u00f3n uso y circulaci\u00f3n, de conformidad con las regulaciones legales. En criterio de la Sala se puede afectar la libertad econ\u00f3mica de una persona cuando la circulaci\u00f3n de datos no sea veraz o que tal circunstancia haya sido autorizada expresamente ...<br \/><div class=\"pt-cv-rmwrap\"><a href=\"https:\/\/www.dmsjuridica.com\/buscador_20179478954\/corteconstitucionalcronologico202454587\/t-527-00\/\" class=\"_self pt-cv-readmore btn btn-success\" target=\"_self\">Ver Sentencia Completa...<\/a><\/div><\/div><\/div><\/div>\n<div class=\"col-md-12 col-sm-12 col-xs-12 pt-cv-content-item pt-cv-1-col\" ><div class='pt-cv-ifield'><a href=\"https:\/\/www.dmsjuridica.com\/buscador_20179478954\/corteconstitucionalcronologico202454587\/t-526-00\/\" class=\"_self pt-cv-href-thumbnail pt-cv-thumb-default\" target=\"_self\" ><\/a>\n<div class=\"pt-cv-taxoterm above_title\"><a href='https:\/\/www.dmsjuridica.com\/buscador_20179478954\/corteconstitucionalcronologico202454587\/category\/buscar-en-toda-la-corte\/2000\/tutelas-2000\/' title='Tutelas 2000' class='pt-cv-tax-tutelas-2000'>Tutelas 2000<\/a><\/div>\n<h4 class=\"pt-cv-title\"><a href=\"https:\/\/www.dmsjuridica.com\/buscador_20179478954\/corteconstitucionalcronologico202454587\/t-526-00\/\" class=\"_self\" target=\"_self\" >T-526-00<\/a><\/h4>\n<div class=\"pt-cv-content\">\u00a0 \u00a0 Sentencia T-526\/00 \u00a0 ACCION DE TUTELA CONTRA SENTENCIAS-Improcedencia \u00a0 AUTORIDAD PUBLICA-Comisi\u00f3n de errores por acci\u00f3n u omisi\u00f3n\/VIA DE HECHO-No la constituye el simple error judicial \u00a0 Esta Corporaci\u00f3n consider\u00f3 tambi\u00e9n la posibilidad, desde todo punto de vista probable, de la comisi\u00f3n de errores por parte de las autoridades p\u00fablicas, por acci\u00f3n u omisi\u00f3n, extra\u00f1os por completo a la din\u00e1mica misma del proceso judicial, errores de hecho no de derecho, atribuibles a la naturaleza humana del juez, a su condici\u00f3n de ser vulnerable y falible, con los cuales eventualmente se pueden violar o poner en peligro derechos fundamentales de ...<br \/><div class=\"pt-cv-rmwrap\"><a href=\"https:\/\/www.dmsjuridica.com\/buscador_20179478954\/corteconstitucionalcronologico202454587\/t-526-00\/\" class=\"_self pt-cv-readmore btn btn-success\" target=\"_self\">Ver Sentencia Completa...<\/a><\/div><\/div><\/div><\/div>\n<div class=\"col-md-12 col-sm-12 col-xs-12 pt-cv-content-item pt-cv-1-col\" ><div class='pt-cv-ifield'><a href=\"https:\/\/www.dmsjuridica.com\/buscador_20179478954\/corteconstitucionalcronologico202454587\/t-525-00\/\" class=\"_self pt-cv-href-thumbnail pt-cv-thumb-default\" target=\"_self\" ><\/a>\n<div class=\"pt-cv-taxoterm above_title\"><a href='https:\/\/www.dmsjuridica.com\/buscador_20179478954\/corteconstitucionalcronologico202454587\/category\/buscar-en-toda-la-corte\/2000\/tutelas-2000\/' title='Tutelas 2000' class='pt-cv-tax-tutelas-2000'>Tutelas 2000<\/a><\/div>\n<h4 class=\"pt-cv-title\"><a href=\"https:\/\/www.dmsjuridica.com\/buscador_20179478954\/corteconstitucionalcronologico202454587\/t-525-00\/\" class=\"_self\" target=\"_self\" >T-525-00<\/a><\/h4>\n<div class=\"pt-cv-content\">\u00a0 \u00a0 Sentencia T-525\/00 \u00a0 DERECHO A LA SEGURIDAD SOCIAL DEL NI\u00d1O-Fundamental \u00a0 DERECHO AL SUBSIDIO FAMILIAR DEL NI\u00d1O-Protecci\u00f3n por tutela \u00a0 Reiteraci\u00f3n de Jurisprudencia \u00a0 Referencia: expediente T-278036 \u00a0 Acci\u00f3n de tutela instaurada por Carmen Isabel Silvera Meri\u00f1o, contra el Hospital de Ponedera- Atl\u00e1ntico, y la Caja de Compensaci\u00f3n Familiar, Comfamiliar. \u00a0 \u00a0 Magistrado Ponente: \u00a0 Dr. ALVARO TAFUR GALVIS \u00a0 Santaf\u00e9 de Bogot\u00e1 D.C., a los ocho (8) d\u00edas del mes de mayo de dos mil (2000). \u00a0 La Sala Novena de Revisi\u00f3n de la Corte Constitucional, en ejercicio de sus competencias constitucionales y legales, espec\u00edficamente las previstas ...<br \/><div class=\"pt-cv-rmwrap\"><a href=\"https:\/\/www.dmsjuridica.com\/buscador_20179478954\/corteconstitucionalcronologico202454587\/t-525-00\/\" class=\"_self pt-cv-readmore btn btn-success\" target=\"_self\">Ver Sentencia Completa...<\/a><\/div><\/div><\/div><\/div>\n<div class=\"col-md-12 col-sm-12 col-xs-12 pt-cv-content-item pt-cv-1-col\" ><div class='pt-cv-ifield'><a href=\"https:\/\/www.dmsjuridica.com\/buscador_20179478954\/corteconstitucionalcronologico202454587\/t-524-00\/\" class=\"_self pt-cv-href-thumbnail pt-cv-thumb-default\" target=\"_self\" ><\/a>\n<div class=\"pt-cv-taxoterm above_title\"><a href='https:\/\/www.dmsjuridica.com\/buscador_20179478954\/corteconstitucionalcronologico202454587\/category\/buscar-en-toda-la-corte\/2000\/tutelas-2000\/' title='Tutelas 2000' class='pt-cv-tax-tutelas-2000'>Tutelas 2000<\/a><\/div>\n<h4 class=\"pt-cv-title\"><a href=\"https:\/\/www.dmsjuridica.com\/buscador_20179478954\/corteconstitucionalcronologico202454587\/t-524-00\/\" class=\"_self\" target=\"_self\" >T-524-00<\/a><\/h4>\n<div class=\"pt-cv-content\">\u00a0 \u00a0 Sentencia T-524\/00 \u00a0 ACCION DE TUTELA CONTRA PARTICULARES \u00a0 ACCION DE TUTELA-Procedencia excepcional pago de acreencias laborales \u00a0 DERECHO AL MINIMO VITAL DEL PENSIONADO-Pago oportuno de mesadas \u00a0 CONCORDATO PREVENTIVO OBLIGATORIO-Prelaci\u00f3n de cr\u00e9ditos laborales \u00a0 EMPLEADOR-Crisis econ\u00f3mica o presupuestal no es \u00f3bice para desconocer pago de mesadas pensionales \u00a0 Referencia: expediente T-280318 \u00a0 Acci\u00f3n de tutela instaurada por Jos\u00e9 Pedro Pablo Rodr\u00edguez Ram\u00edrez contra Sider\u00fargica Corradine S.A. \u00a0 Magistrado Ponente: \u00a0 Dr. ALVARO TAFUR GALVIS \u00a0 Santa F\u00e9 de Bogot\u00e1 D.C., a los ocho (8) del mes de mayo de dos mil (2000). \u00a0 La Sala Novena de ...<br \/><div class=\"pt-cv-rmwrap\"><a href=\"https:\/\/www.dmsjuridica.com\/buscador_20179478954\/corteconstitucionalcronologico202454587\/t-524-00\/\" class=\"_self pt-cv-readmore btn btn-success\" target=\"_self\">Ver Sentencia Completa...<\/a><\/div><\/div><\/div><\/div>\n<div class=\"col-md-12 col-sm-12 col-xs-12 pt-cv-content-item pt-cv-1-col\" ><div class='pt-cv-ifield'><a href=\"https:\/\/www.dmsjuridica.com\/buscador_20179478954\/corteconstitucionalcronologico202454587\/t-523-00\/\" class=\"_self pt-cv-href-thumbnail pt-cv-thumb-default\" target=\"_self\" ><\/a>\n<div class=\"pt-cv-taxoterm above_title\"><a href='https:\/\/www.dmsjuridica.com\/buscador_20179478954\/corteconstitucionalcronologico202454587\/category\/buscar-en-toda-la-corte\/2000\/tutelas-2000\/' title='Tutelas 2000' class='pt-cv-tax-tutelas-2000'>Tutelas 2000<\/a><\/div>\n<h4 class=\"pt-cv-title\"><a href=\"https:\/\/www.dmsjuridica.com\/buscador_20179478954\/corteconstitucionalcronologico202454587\/t-523-00\/\" class=\"_self\" target=\"_self\" >T-523-00<\/a><\/h4>\n<div class=\"pt-cv-content\">\u00a0 \u00a0 Sentencia T-523\/00 \u00a0 DERECHO AL PAGO OPORTUNO DEL SALARIO-Fundamental \u00a0 DERECHO A LA SUBSISTENCIA-Retribuci\u00f3n salarial \u00a0 REMUNERACION MINIMA VITAL Y MOVIL-No debe limitarse protecci\u00f3n a retribuci\u00f3n m\u00ednima de trabajo \u00a0 DERECHO AL PAGO OPORTUNO DEL SALARIO-Reconocimiento de totalidad de sumas adeudadas \u00a0 Reiteraci\u00f3n de Jurisprudencia \u00a0 Referencia: expediente T-278310 \u00a0 Acci\u00f3n de tutela instaurada por Gabriel Guillermo D\u00edaz Hern\u00e1ndez contra el municipio de Plato, Magdalena. \u00a0 Magistrado Ponente: \u00a0 Dr. ALVARO TAFUR GALVIS \u00a0 Santaf\u00e9 de Bogot\u00e1 D.C., a los ocho (8) d\u00edas del mes mayo de dos mil (2000). \u00a0 La Sala Novena de Revisi\u00f3n de la ...<br \/><div class=\"pt-cv-rmwrap\"><a href=\"https:\/\/www.dmsjuridica.com\/buscador_20179478954\/corteconstitucionalcronologico202454587\/t-523-00\/\" class=\"_self pt-cv-readmore btn btn-success\" target=\"_self\">Ver Sentencia Completa...<\/a><\/div><\/div><\/div><\/div>\n<div class=\"col-md-12 col-sm-12 col-xs-12 pt-cv-content-item pt-cv-1-col\" ><div class='pt-cv-ifield'><a href=\"https:\/\/www.dmsjuridica.com\/buscador_20179478954\/corteconstitucionalcronologico202454587\/t-522-00\/\" class=\"_self pt-cv-href-thumbnail pt-cv-thumb-default\" target=\"_self\" ><\/a>\n<div class=\"pt-cv-taxoterm above_title\"><a href='https:\/\/www.dmsjuridica.com\/buscador_20179478954\/corteconstitucionalcronologico202454587\/category\/buscar-en-toda-la-corte\/2000\/tutelas-2000\/' title='Tutelas 2000' class='pt-cv-tax-tutelas-2000'>Tutelas 2000<\/a><\/div>\n<h4 class=\"pt-cv-title\"><a href=\"https:\/\/www.dmsjuridica.com\/buscador_20179478954\/corteconstitucionalcronologico202454587\/t-522-00\/\" class=\"_self\" target=\"_self\" >T-522-00<\/a><\/h4>\n<div class=\"pt-cv-content\">\u00a0 \u00a0 Sentencia T-522\/00 \u00a0 ACCION DE TUTELA-Procedencia excepcional pago de acreencias laborales\/DERECHO AL MINIMO VITAL DEL PENSIONADO-Pago oportuno de mesadas \u00a0 Reiteraci\u00f3n de Jurisprudencia \u00a0 Referencia: expediente T-278314 \u00a0 Acci\u00f3n de tutela instaurada por Severo Asprilla Murillo contra el Departamento del Choc\u00f3. \u00a0 Magistrado Ponente: \u00a0 Dr. ALVARO TAFUR GALVIS \u00a0 Santaf\u00e9 de Bogot\u00e1 D.C., a los ocho (8) d\u00edas del mes de mayo de dos mil (2000). \u00a0 La Sala Novena de Revisi\u00f3n de la Corte Constitucional, en ejercicio de sus competencias constitucionales y legales, en particular las previstas contenidas en los art\u00edculos 86 y 241, numeral 9, ...<br \/><div class=\"pt-cv-rmwrap\"><a href=\"https:\/\/www.dmsjuridica.com\/buscador_20179478954\/corteconstitucionalcronologico202454587\/t-522-00\/\" class=\"_self pt-cv-readmore btn btn-success\" target=\"_self\">Ver Sentencia Completa...<\/a><\/div><\/div><\/div><\/div>\n<div class=\"col-md-12 col-sm-12 col-xs-12 pt-cv-content-item pt-cv-1-col\" ><div class='pt-cv-ifield'><a href=\"https:\/\/www.dmsjuridica.com\/buscador_20179478954\/corteconstitucionalcronologico202454587\/t-521-00\/\" class=\"_self pt-cv-href-thumbnail pt-cv-thumb-default\" target=\"_self\" ><\/a>\n<div class=\"pt-cv-taxoterm above_title\"><a href='https:\/\/www.dmsjuridica.com\/buscador_20179478954\/corteconstitucionalcronologico202454587\/category\/buscar-en-toda-la-corte\/2000\/tutelas-2000\/' title='Tutelas 2000' class='pt-cv-tax-tutelas-2000'>Tutelas 2000<\/a><\/div>\n<h4 class=\"pt-cv-title\"><a href=\"https:\/\/www.dmsjuridica.com\/buscador_20179478954\/corteconstitucionalcronologico202454587\/t-521-00\/\" class=\"_self\" target=\"_self\" >T-521-00<\/a><\/h4>\n<div class=\"pt-cv-content\">\u00a0 \u00a0 Sentencia T-521\/00 \u00a0 ACCION DE TUTELA-Pluralidad de demandados \u00a0 ACCION DE TUTELA-Procedencia excepcional pago de acreencias laborales\/DERECHO AL MINIMO VITAL DEL TRABAJADOR-Pago oportuno de salarios \u00a0 PROCESO CONCORDATARIO-Pago preferente de acreencias laborales \u00a0 Reiteraci\u00f3n de Jurisprudencia \u00a0 Referencia: expediente T-273038 \u00a0 Acci\u00f3n de tutela instaurada por Ricardo Mej\u00eda Villarreal contra la empresa Comercial Moderna S.A., E.P.S., Seguro Social Seccional Atl\u00e1ntico, Combarranquilla, Oficina del Trabajo Seccional Atl\u00e1ntico, Superintendencia de Sociedades, Fondo de Cesant\u00edas Porvenir y Fondo de Pensiones del Seguro Social. \u00a0 Magistrado Ponente: \u00a0 Dr. ALVARO TAFUR GALVIS \u00a0 Santaf\u00e9 de Bogot\u00e1 D.C., a los ocho (8) d\u00edas ...<br \/><div class=\"pt-cv-rmwrap\"><a href=\"https:\/\/www.dmsjuridica.com\/buscador_20179478954\/corteconstitucionalcronologico202454587\/t-521-00\/\" class=\"_self pt-cv-readmore btn btn-success\" target=\"_self\">Ver Sentencia Completa...<\/a><\/div><\/div><\/div><\/div>\n<div class=\"col-md-12 col-sm-12 col-xs-12 pt-cv-content-item pt-cv-1-col\" ><div class='pt-cv-ifield'><a href=\"https:\/\/www.dmsjuridica.com\/buscador_20179478954\/corteconstitucionalcronologico202454587\/t-520-00\/\" class=\"_self pt-cv-href-thumbnail pt-cv-thumb-default\" target=\"_self\" ><\/a>\n<div class=\"pt-cv-taxoterm above_title\"><a href='https:\/\/www.dmsjuridica.com\/buscador_20179478954\/corteconstitucionalcronologico202454587\/category\/buscar-en-toda-la-corte\/2000\/tutelas-2000\/' title='Tutelas 2000' class='pt-cv-tax-tutelas-2000'>Tutelas 2000<\/a><\/div>\n<h4 class=\"pt-cv-title\"><a href=\"https:\/\/www.dmsjuridica.com\/buscador_20179478954\/corteconstitucionalcronologico202454587\/t-520-00\/\" class=\"_self\" target=\"_self\" >T-520-00<\/a><\/h4>\n<div class=\"pt-cv-content\">\u00a0 \u00a0 Sentencia T-520\/00 \u00a0 ACCION DE TUTELA-Procedencia excepcional pago de salarios por afectaci\u00f3n del m\u00ednimo vital \u00a0 DERECHO AL PAGO OPORTUNO DEL SALARIO-Fundamental\/DERECHO A LA SUBSISTENCIA-Retribuci\u00f3n salarial\/EMPLEADOR-Falta de presupuesto o insolvencia para pago oportuno de salarios no es raz\u00f3n suficiente \u00a0 Reiteraci\u00f3n de Jurisprudencia \u00a0 Referencia: expediente T-276855 \u00a0 Acci\u00f3n de tutela instaurada por Luz Myriam Largo Lagos contra la Gerente de la empresa de Econom\u00eda Mixta Renacimiento S.A, y el Director del Instituto Nacional Penitenciario y Carcelario INPEC.\u00a0 \u00a0 Magistrado Ponente: \u00a0 Dr. ALVARO TAFUR GALVIS \u00a0 Santa Fe de Bogot\u00e1, D.C., a los ocho (8) d\u00edas del ...<br \/><div class=\"pt-cv-rmwrap\"><a href=\"https:\/\/www.dmsjuridica.com\/buscador_20179478954\/corteconstitucionalcronologico202454587\/t-520-00\/\" class=\"_self pt-cv-readmore btn btn-success\" target=\"_self\">Ver Sentencia Completa...<\/a><\/div><\/div><\/div><\/div>\n<div class=\"col-md-12 col-sm-12 col-xs-12 pt-cv-content-item pt-cv-1-col\" ><div class='pt-cv-ifield'><a href=\"https:\/\/www.dmsjuridica.com\/buscador_20179478954\/corteconstitucionalcronologico202454587\/t-519-00\/\" class=\"_self pt-cv-href-thumbnail pt-cv-thumb-default\" target=\"_self\" ><\/a>\n<div class=\"pt-cv-taxoterm above_title\"><a href='https:\/\/www.dmsjuridica.com\/buscador_20179478954\/corteconstitucionalcronologico202454587\/category\/buscar-en-toda-la-corte\/2000\/tutelas-2000\/' title='Tutelas 2000' class='pt-cv-tax-tutelas-2000'>Tutelas 2000<\/a><\/div>\n<h4 class=\"pt-cv-title\"><a href=\"https:\/\/www.dmsjuridica.com\/buscador_20179478954\/corteconstitucionalcronologico202454587\/t-519-00\/\" class=\"_self\" target=\"_self\" >T-519-00<\/a><\/h4>\n<div class=\"pt-cv-content\">\u00a0 \u00a0 Sentencia T-519\/00 \u00a0 ACCION DE TUTELA-Procedencia excepcional pago de salarios por afectaci\u00f3n del m\u00ednimo vital \u00a0 Reiteraci\u00f3n de jurisprudencia \u00a0 Referencia: expediente T-272782 y 272783 \u00a0 Acci\u00f3n de tutela incoada por Ana Mej\u00eda Ortiz y Otros contra el Municipio de Riohacha, Guajira. \u00a0 Magistrado Ponente: \u00a0 Dr. ALVARO TAFUR GALVIS.\u00a0 \u00a0 Santaf\u00e9 de Bogot\u00e1, D.C., a los ocho (8) d\u00edas del mes de mayo de dos mil (2000). \u00a0 La Sala Novena de Revisi\u00f3n de la Corte Constitucional, en ejercicio de sus competencias constitucionales y legales, espec\u00edficamente las previstas en los art\u00edculos 86 y 241, numeral 9, de ...<br \/><div class=\"pt-cv-rmwrap\"><a href=\"https:\/\/www.dmsjuridica.com\/buscador_20179478954\/corteconstitucionalcronologico202454587\/t-519-00\/\" class=\"_self pt-cv-readmore btn btn-success\" target=\"_self\">Ver Sentencia Completa...<\/a><\/div><\/div><\/div><\/div>\n<div class=\"col-md-12 col-sm-12 col-xs-12 pt-cv-content-item pt-cv-1-col\" ><div class='pt-cv-ifield'><a href=\"https:\/\/www.dmsjuridica.com\/buscador_20179478954\/corteconstitucionalcronologico202454587\/t-518-00\/\" class=\"_self pt-cv-href-thumbnail pt-cv-thumb-default\" target=\"_self\" ><\/a>\n<div class=\"pt-cv-taxoterm above_title\"><a href='https:\/\/www.dmsjuridica.com\/buscador_20179478954\/corteconstitucionalcronologico202454587\/category\/buscar-en-toda-la-corte\/2000\/tutelas-2000\/' title='Tutelas 2000' class='pt-cv-tax-tutelas-2000'>Tutelas 2000<\/a><\/div>\n<h4 class=\"pt-cv-title\"><a href=\"https:\/\/www.dmsjuridica.com\/buscador_20179478954\/corteconstitucionalcronologico202454587\/t-518-00\/\" class=\"_self\" target=\"_self\" >T-518-00<\/a><\/h4>\n<div class=\"pt-cv-content\">DERECHO AL MINIMO VITAL DEL PENSIONADO-Pago oportuno de mesadas\/DERECHO A LA SALUD DE PERSONA DE LA TERCERA EDAD-No pago de cotizaciones a EPS \u00a0 Reiteraci\u00f3n de Jurisprudencia \u00a0 Referencia: expediente T-272784 \u00a0 Acciones de tutela incoadas por Florentino Brown contra la Alcald\u00eda de Providencia, Islas. \u00a0 Magistrado Ponente: \u00a0 Dr. ALVARO TAFUR GALVIS \u00a0 Santa Fe de Bogot\u00e1, D.C., a los ocho (8) d\u00edas del mes de mayo de dos mil (2000). \u00a0 La Sala Novena de Revisi\u00f3n de la Corte Constitucional, en ejercicio de sus competencias constitucionales y legales, espec\u00edficamente las previstas en los art\u00edculos 86 y 241, numeral ...<br \/><div class=\"pt-cv-rmwrap\"><a href=\"https:\/\/www.dmsjuridica.com\/buscador_20179478954\/corteconstitucionalcronologico202454587\/t-518-00\/\" class=\"_self pt-cv-readmore btn btn-success\" target=\"_self\">Ver Sentencia Completa...<\/a><\/div><\/div><\/div><\/div>\n<div class=\"col-md-12 col-sm-12 col-xs-12 pt-cv-content-item pt-cv-1-col\" ><div class='pt-cv-ifield'><a href=\"https:\/\/www.dmsjuridica.com\/buscador_20179478954\/corteconstitucionalcronologico202454587\/t-517-00\/\" class=\"_self pt-cv-href-thumbnail pt-cv-thumb-default\" target=\"_self\" ><\/a>\n<div class=\"pt-cv-taxoterm above_title\"><a href='https:\/\/www.dmsjuridica.com\/buscador_20179478954\/corteconstitucionalcronologico202454587\/category\/buscar-en-toda-la-corte\/2000\/tutelas-2000\/' title='Tutelas 2000' class='pt-cv-tax-tutelas-2000'>Tutelas 2000<\/a><\/div>\n<h4 class=\"pt-cv-title\"><a href=\"https:\/\/www.dmsjuridica.com\/buscador_20179478954\/corteconstitucionalcronologico202454587\/t-517-00\/\" class=\"_self\" target=\"_self\" >T-517-00<\/a><\/h4>\n<div class=\"pt-cv-content\">\u00a0 \u00a0 Sentencia T-517\/00 \u00a0 REGIMEN DE SEGURIDAD SOCIAL EN SALUD-Posibilidad de acudir a instituciones vinculadas al Estado para servicios no incluidos en POS \u00a0 Reiteraci\u00f3n de Jurisprudencia \u00a0 Referencia: expediente T-274571 \u00a0 Acci\u00f3n de tutela instaurada por Juan Diego Cadavid contra Saludcoop. \u00a0 Magistrado Ponente: \u00a0 Dr. ALVARO TAFUR GALVIS \u00a0 Santa Fe de Bogot\u00e1, a los ocho (8) d\u00edas del mes de mayo de dos mil \u00a0(2000). \u00a0 La Sala Novena de Revisi\u00f3n de la Corte Constitucional, en ejercicio de sus competencias constitucionales y legales, espec\u00edficamente las previstas en los art\u00edculos 86 y 241, numeral 9, de la ...<br \/><div class=\"pt-cv-rmwrap\"><a href=\"https:\/\/www.dmsjuridica.com\/buscador_20179478954\/corteconstitucionalcronologico202454587\/t-517-00\/\" class=\"_self pt-cv-readmore btn btn-success\" target=\"_self\">Ver Sentencia Completa...<\/a><\/div><\/div><\/div><\/div>\n<div class=\"col-md-12 col-sm-12 col-xs-12 pt-cv-content-item pt-cv-1-col\" ><div class='pt-cv-ifield'><a href=\"https:\/\/www.dmsjuridica.com\/buscador_20179478954\/corteconstitucionalcronologico202454587\/t-516-00\/\" class=\"_self pt-cv-href-thumbnail pt-cv-thumb-default\" target=\"_self\" ><\/a>\n<div class=\"pt-cv-taxoterm above_title\"><a href='https:\/\/www.dmsjuridica.com\/buscador_20179478954\/corteconstitucionalcronologico202454587\/category\/buscar-en-toda-la-corte\/2000\/tutelas-2000\/' title='Tutelas 2000' class='pt-cv-tax-tutelas-2000'>Tutelas 2000<\/a><\/div>\n<h4 class=\"pt-cv-title\"><a href=\"https:\/\/www.dmsjuridica.com\/buscador_20179478954\/corteconstitucionalcronologico202454587\/t-516-00\/\" class=\"_self\" target=\"_self\" >T-516-00<\/a><\/h4>\n<div class=\"pt-cv-content\">\u00a0 \u00a0 Sentencia T-516\/00 \u00a0 INAPLICACION DE NORMAS DEL PLAN OBLIGATORIO DE SALUD-Exclusi\u00f3n de tratamientos y medicamentos \u00a0 Referencia: expediente T-272189 \u00a0 Peticionario: Miguel Camacho contra \u00a0SOLSALUD E.P.S.. \u00a0 Magistrado Ponente: \u00a0 Dr. ALVARO TAFUR GALVIS \u00a0 Santaf\u00e9 de Bogot\u00e1 D.C., a los ocho (8) d\u00edas del mes de mayo de dos mil (2000). \u00a0 La Sala Novena de Revisi\u00f3n de la Corte Constitucional, en ejercicio de sus competencias constitucionales y legales, espec\u00edficamente las previstas en los art\u00edculos 86 y 241, numeral 9, de la Constituci\u00f3n Pol\u00edtica y en el Decreto 2591 de 1991, ha proferido la siguiente, \u00a0 SENTENCIA ...<br \/><div class=\"pt-cv-rmwrap\"><a href=\"https:\/\/www.dmsjuridica.com\/buscador_20179478954\/corteconstitucionalcronologico202454587\/t-516-00\/\" class=\"_self pt-cv-readmore btn btn-success\" target=\"_self\">Ver Sentencia Completa...<\/a><\/div><\/div><\/div><\/div>\n<div class=\"col-md-12 col-sm-12 col-xs-12 pt-cv-content-item pt-cv-1-col\" ><div class='pt-cv-ifield'><a href=\"https:\/\/www.dmsjuridica.com\/buscador_20179478954\/corteconstitucionalcronologico202454587\/t-515-00\/\" class=\"_self pt-cv-href-thumbnail pt-cv-thumb-default\" target=\"_self\" ><\/a>\n<div class=\"pt-cv-taxoterm above_title\"><a href='https:\/\/www.dmsjuridica.com\/buscador_20179478954\/corteconstitucionalcronologico202454587\/category\/buscar-en-toda-la-corte\/2000\/tutelas-2000\/' title='Tutelas 2000' class='pt-cv-tax-tutelas-2000'>Tutelas 2000<\/a><\/div>\n<h4 class=\"pt-cv-title\"><a href=\"https:\/\/www.dmsjuridica.com\/buscador_20179478954\/corteconstitucionalcronologico202454587\/t-515-00\/\" class=\"_self\" target=\"_self\" >T-515-00<\/a><\/h4>\n<div class=\"pt-cv-content\">\u00a0 \u00a0 Sentencia T-515\/00 \u00a0 PRINCIPIO DE CONTINUIDAD EN EL SERVICIO DE SALUD \u00a0 DERECHO A LA SALUD-Pr\u00e1ctica de cirug\u00eda \u00a0 Reiteraci\u00f3n de Jurisprudencia \u00a0 Referencia: expediente T-274390 \u00a0 Magistrado ponente: \u00a0 Dr. ALVARO TAFUR GALVIS \u00a0 Santaf\u00e9 de Bogot\u00e1 D.C., ocho (8) d\u00edas del mes de mayo de dos mil (2000). \u00a0 La Sala Novena de Revisi\u00f3n de la Corte Constitucional, en ejercicio de sus competencias constitucionales y legales, espec\u00edficamente las previstas en los art\u00edculos 86 y 241, numeral 9, de la Constituci\u00f3n Pol\u00edtica y en el Decreto 2591 de 1991, ha proferido la siguiente, \u00a0 SENTENCIA \u00a0 en ...<br \/><div class=\"pt-cv-rmwrap\"><a href=\"https:\/\/www.dmsjuridica.com\/buscador_20179478954\/corteconstitucionalcronologico202454587\/t-515-00\/\" class=\"_self pt-cv-readmore btn btn-success\" target=\"_self\">Ver Sentencia Completa...<\/a><\/div><\/div><\/div><\/div>\n<div class=\"col-md-12 col-sm-12 col-xs-12 pt-cv-content-item pt-cv-1-col\" ><div class='pt-cv-ifield'><a href=\"https:\/\/www.dmsjuridica.com\/buscador_20179478954\/corteconstitucionalcronologico202454587\/t-514-00\/\" class=\"_self pt-cv-href-thumbnail pt-cv-thumb-default\" target=\"_self\" ><\/a>\n<div class=\"pt-cv-taxoterm above_title\"><a href='https:\/\/www.dmsjuridica.com\/buscador_20179478954\/corteconstitucionalcronologico202454587\/category\/buscar-en-toda-la-corte\/2000\/tutelas-2000\/' title='Tutelas 2000' class='pt-cv-tax-tutelas-2000'>Tutelas 2000<\/a><\/div>\n<h4 class=\"pt-cv-title\"><a href=\"https:\/\/www.dmsjuridica.com\/buscador_20179478954\/corteconstitucionalcronologico202454587\/t-514-00\/\" class=\"_self\" target=\"_self\" >T-514-00<\/a><\/h4>\n<div class=\"pt-cv-content\">\u00a0 \u00a0 Sentencia T-514\/00 \u00a0 ACCION DE TUTELA-Procedencia excepcional pago de acreencias laborales\/DERECHO AL MINIMO VITAL DEL PENSIONADO-Pago oportuno de mesadas \u00a0 Reiteraci\u00f3n de Jurisprudencia \u00a0 Referencia: expediente T-277783 \u00a0 Acci\u00f3n de tutela instaurada por Ra\u00fal Palacio Ort\u00edz contra el Alcalde Municipal de Caramanta (Antioquia).\u00a0 \u00a0 Magistrado Ponente: \u00a0 Dr. \u00a0ALVARO TAFUR GALVIS \u00a0 Santa Fe de Bogot\u00e1, D.C., a los ocho (8) d\u00edas del mes de mayo de dos mil (2000). \u00a0 La Sala Novena de Revisi\u00f3n de la Corte Constitucional, en ejercicio de sus competencias constitucionales y legales, en particular las previstas contenidas en los art\u00edculos 86 y ...<br \/><div class=\"pt-cv-rmwrap\"><a href=\"https:\/\/www.dmsjuridica.com\/buscador_20179478954\/corteconstitucionalcronologico202454587\/t-514-00\/\" class=\"_self pt-cv-readmore btn btn-success\" target=\"_self\">Ver Sentencia Completa...<\/a><\/div><\/div><\/div><\/div>\n<div class=\"col-md-12 col-sm-12 col-xs-12 pt-cv-content-item pt-cv-1-col\" ><div class='pt-cv-ifield'><a href=\"https:\/\/www.dmsjuridica.com\/buscador_20179478954\/corteconstitucionalcronologico202454587\/t-513-00\/\" class=\"_self pt-cv-href-thumbnail pt-cv-thumb-default\" target=\"_self\" ><\/a>\n<div class=\"pt-cv-taxoterm above_title\"><a href='https:\/\/www.dmsjuridica.com\/buscador_20179478954\/corteconstitucionalcronologico202454587\/category\/buscar-en-toda-la-corte\/2000\/tutelas-2000\/' title='Tutelas 2000' class='pt-cv-tax-tutelas-2000'>Tutelas 2000<\/a><\/div>\n<h4 class=\"pt-cv-title\"><a href=\"https:\/\/www.dmsjuridica.com\/buscador_20179478954\/corteconstitucionalcronologico202454587\/t-513-00\/\" class=\"_self\" target=\"_self\" >T-513-00<\/a><\/h4>\n<div class=\"pt-cv-content\">\u00a0 \u00a0 Sentencia T-513\/00 \u00a0 DERECHO AL PAGO OPORTUNO DEL SALARIO-Fundamental\/DERECHO A LA SUBSISTENCIA-Retribuci\u00f3n salarial\/EMPLEADOR-Falta de presupuesto o insolvencia para pago oportuno de salarios no es raz\u00f3n suficiente \u00a0 DERECHO AL MINIMO VITAL DEL TRABAJADOR Y PENSIONADO-Pago oportuno de salarios y mesadas \u00a0 Reiteraci\u00f3n de Jurisprudencia \u00a0 Referencia: expedientes T-272716, T-272891, T-272897, T-272898 y T-275070 \u00a0 Acciones de tutela instauradas por Argemiro Puentes Medina y otros contra el Alcalde Municipal de Palmira (Valle). \u00a0 Magistrado Ponente: \u00a0 Dr. ALVARO TAFUR GALVIS \u00a0 Santaf\u00e9 de Bogot\u00e1 D.C., a los ocho (8) d\u00edas del mes de mayo de dos mil (2000). \u00a0 ...<br \/><div class=\"pt-cv-rmwrap\"><a href=\"https:\/\/www.dmsjuridica.com\/buscador_20179478954\/corteconstitucionalcronologico202454587\/t-513-00\/\" class=\"_self pt-cv-readmore btn btn-success\" target=\"_self\">Ver Sentencia Completa...<\/a><\/div><\/div><\/div><\/div>\n<div class=\"col-md-12 col-sm-12 col-xs-12 pt-cv-content-item pt-cv-1-col\" ><div class='pt-cv-ifield'><a href=\"https:\/\/www.dmsjuridica.com\/buscador_20179478954\/corteconstitucionalcronologico202454587\/t-512-00\/\" class=\"_self pt-cv-href-thumbnail pt-cv-thumb-default\" target=\"_self\" ><\/a>\n<div class=\"pt-cv-taxoterm above_title\"><a href='https:\/\/www.dmsjuridica.com\/buscador_20179478954\/corteconstitucionalcronologico202454587\/category\/buscar-en-toda-la-corte\/2000\/tutelas-2000\/' title='Tutelas 2000' class='pt-cv-tax-tutelas-2000'>Tutelas 2000<\/a><\/div>\n<h4 class=\"pt-cv-title\"><a href=\"https:\/\/www.dmsjuridica.com\/buscador_20179478954\/corteconstitucionalcronologico202454587\/t-512-00\/\" class=\"_self\" target=\"_self\" >T-512-00<\/a><\/h4>\n<div class=\"pt-cv-content\">\u00a0 \u00a0 Sentencia T-512\/00 \u00a0 ACCION DE TUTELA-Procedencia excepcional pago de acreencias laborales\/DERECHO AL MINIMO VITAL DEL TRABAJADOR-Pago oportuno de salarios \u00a0 DERECHO AL PAGO OPORTUNO DEL SALARIO-Fundamental \u00a0 EMPLEADOR-Falta de presupuesto o insolvencia para pago oportuno de salarios no es raz\u00f3n suficiente \u00a0 Reiteraci\u00f3n de jurisprudencia \u00a0 Referencia: expediente T-273125 \u00a0 Acci\u00f3n de tutela instaurada por Diana Isabel Pizarro G\u00f3mez contra el Alcalde Municipal de Caramanta (Antioquia).\u00a0 \u00a0 Magistrado Ponente: \u00a0 Dr. ALVARO TAFUR GALVIS \u00a0 Santa Fe de Bogot\u00e1, D.C., a los ocho (8) d\u00edas del mes de mayo de dos mil (2000). \u00a0 La Sala Novena de ...<br \/><div class=\"pt-cv-rmwrap\"><a href=\"https:\/\/www.dmsjuridica.com\/buscador_20179478954\/corteconstitucionalcronologico202454587\/t-512-00\/\" class=\"_self pt-cv-readmore btn btn-success\" target=\"_self\">Ver Sentencia Completa...<\/a><\/div><\/div><\/div><\/div>\n<div class=\"col-md-12 col-sm-12 col-xs-12 pt-cv-content-item pt-cv-1-col\" ><div class='pt-cv-ifield'><a href=\"https:\/\/www.dmsjuridica.com\/buscador_20179478954\/corteconstitucionalcronologico202454587\/t-511-00\/\" class=\"_self pt-cv-href-thumbnail pt-cv-thumb-default\" target=\"_self\" ><\/a>\n<div class=\"pt-cv-taxoterm above_title\"><a href='https:\/\/www.dmsjuridica.com\/buscador_20179478954\/corteconstitucionalcronologico202454587\/category\/buscar-en-toda-la-corte\/2000\/tutelas-2000\/' title='Tutelas 2000' class='pt-cv-tax-tutelas-2000'>Tutelas 2000<\/a><\/div>\n<h4 class=\"pt-cv-title\"><a href=\"https:\/\/www.dmsjuridica.com\/buscador_20179478954\/corteconstitucionalcronologico202454587\/t-511-00\/\" class=\"_self\" target=\"_self\" >T-511-00<\/a><\/h4>\n<div class=\"pt-cv-content\">\u00a0 \u00a0 Sentencia T-511\/00 \u00a0 DERECHO AL PAGO OPORTUNO DEL SALARIO-Fundamental\/DERECHO A LA SUBSISTENCIA-Retribuci\u00f3n salarial\/EMPLEADOR-Falta de presupuesto o insolvencia para pago oportuno de salarios no es raz\u00f3n suficiente \u00a0 Reiteraci\u00f3n de Jurisprudencia \u00a0 Referencia: expediente T-275218 \u00a0 Acci\u00f3n de tutela instaurada por Danny Joel Monta\u00f1ez contra la Alcald\u00eda Municipal de Pamplona. \u00a0 \u00a0 \u00a0 Magistrado Ponente: \u00a0 Dr. ALVARO TAFUR GALVIS \u00a0 Santa Fe de Bogot\u00e1, D.C., a los ocho (8) d\u00edas del mes de mayo de dos mil (2000). \u00a0 La Sala Novena de Revisi\u00f3n de la Corte Constitucional, en ejercicio de sus competencias constitucionales y legales, en particular ...<br \/><div class=\"pt-cv-rmwrap\"><a href=\"https:\/\/www.dmsjuridica.com\/buscador_20179478954\/corteconstitucionalcronologico202454587\/t-511-00\/\" class=\"_self pt-cv-readmore btn btn-success\" target=\"_self\">Ver Sentencia Completa...<\/a><\/div><\/div><\/div><\/div>\n<div class=\"col-md-12 col-sm-12 col-xs-12 pt-cv-content-item pt-cv-1-col\" ><div class='pt-cv-ifield'><a href=\"https:\/\/www.dmsjuridica.com\/buscador_20179478954\/corteconstitucionalcronologico202454587\/t-510-00\/\" class=\"_self pt-cv-href-thumbnail pt-cv-thumb-default\" target=\"_self\" ><\/a>\n<div class=\"pt-cv-taxoterm above_title\"><a href='https:\/\/www.dmsjuridica.com\/buscador_20179478954\/corteconstitucionalcronologico202454587\/category\/buscar-en-toda-la-corte\/2000\/tutelas-2000\/' title='Tutelas 2000' class='pt-cv-tax-tutelas-2000'>Tutelas 2000<\/a><\/div>\n<h4 class=\"pt-cv-title\"><a href=\"https:\/\/www.dmsjuridica.com\/buscador_20179478954\/corteconstitucionalcronologico202454587\/t-510-00\/\" class=\"_self\" target=\"_self\" >T-510-00<\/a><\/h4>\n<div class=\"pt-cv-content\">\u00a0 \u00a0 Sentencia T-510\/00 \u00a0 ACCION DE TUTELA CONTRA ENTIDAD FINANCIERA-Procedencia por prestaci\u00f3n de servicio p\u00fablico \u00a0 PERSONA DE LA TERCERA EDAD-Trato constitucional preferente\/DERECHO A LA SALUD DE PERSONA DE LA TERCERA EDAD-Reintegro sumas de dinero depositadas en certificado a t\u00e9rmino en cooperativa intervenida \u00a0 Reiteraci\u00f3n de Jurisprudencia \u00a0 Referencia: expedientes T- 265.294 y\u00a0 \u00a0 T- 274.747. \u00a0 Acciones de tutela instauradas por Wilerma Mej\u00eda Eslava contra Banco del Pac\u00edfico S.A en Liquidaci\u00f3n y Hector Antonio Morales S\u00e1nchez contra Fiduciaria Del Pac\u00edfico S.A. \u00a0 Magistrado Ponente:\u00a0 \u00a0 Dr. ALVARO TAFUR GALVIS. \u00a0 Santaf\u00e9 de Bogot\u00e1, D.C., \u00a0ocho (8) de mayo ...<br \/><div class=\"pt-cv-rmwrap\"><a href=\"https:\/\/www.dmsjuridica.com\/buscador_20179478954\/corteconstitucionalcronologico202454587\/t-510-00\/\" class=\"_self pt-cv-readmore btn btn-success\" target=\"_self\">Ver Sentencia Completa...<\/a><\/div><\/div><\/div><\/div>\n<div class=\"col-md-12 col-sm-12 col-xs-12 pt-cv-content-item pt-cv-1-col\" ><div class='pt-cv-ifield'><a href=\"https:\/\/www.dmsjuridica.com\/buscador_20179478954\/corteconstitucionalcronologico202454587\/t-509-00\/\" class=\"_self pt-cv-href-thumbnail pt-cv-thumb-default\" target=\"_self\" ><\/a>\n<div class=\"pt-cv-taxoterm above_title\"><a href='https:\/\/www.dmsjuridica.com\/buscador_20179478954\/corteconstitucionalcronologico202454587\/category\/buscar-en-toda-la-corte\/2000\/tutelas-2000\/' title='Tutelas 2000' class='pt-cv-tax-tutelas-2000'>Tutelas 2000<\/a><\/div>\n<h4 class=\"pt-cv-title\"><a href=\"https:\/\/www.dmsjuridica.com\/buscador_20179478954\/corteconstitucionalcronologico202454587\/t-509-00\/\" class=\"_self\" target=\"_self\" >T-509-00<\/a><\/h4>\n<div class=\"pt-cv-content\">\u00a0 \u00a0 Sentencia T-509\/00 \u00a0 DERECHO A LA SALUD-Suministro de medicamentos\/ACCION DE TUTELA-Sustracci\u00f3n de materia \u00a0 Reiteraci\u00f3n de jurisprudencia \u00a0 Referencia: expediente T-273122 \u00a0 Acci\u00f3n de tutela instaurada por Napole\u00f3n Barrios Bustamante contra la Empresa Social del Estado del Oriente, \u201cAdriano Perdomo Trujillo\u201d de la ciudad de Neiva. \u00a0 Magistrado ponente: \u00a0 Dr. ALVARO TAFUR GALVIS \u00a0 Santaf\u00e9 de Bogot\u00e1 D.C., a los ocho (8) d\u00edas del mes de mayo de dos mil (2000). \u00a0 La Sala Novena de Revisi\u00f3n de la Corte Constitucional, en ejercicio de sus competencias constitucionales y legales, espec\u00edficamente las previstas en los art\u00edculos 86 y ...<br \/><div class=\"pt-cv-rmwrap\"><a href=\"https:\/\/www.dmsjuridica.com\/buscador_20179478954\/corteconstitucionalcronologico202454587\/t-509-00\/\" class=\"_self pt-cv-readmore btn btn-success\" target=\"_self\">Ver Sentencia Completa...<\/a><\/div><\/div><\/div><\/div>\n<div class=\"col-md-12 col-sm-12 col-xs-12 pt-cv-content-item pt-cv-1-col\" ><div class='pt-cv-ifield'><a href=\"https:\/\/www.dmsjuridica.com\/buscador_20179478954\/corteconstitucionalcronologico202454587\/t-508-00\/\" class=\"_self pt-cv-href-thumbnail pt-cv-thumb-default\" target=\"_self\" ><\/a>\n<div class=\"pt-cv-taxoterm above_title\"><a href='https:\/\/www.dmsjuridica.com\/buscador_20179478954\/corteconstitucionalcronologico202454587\/category\/buscar-en-toda-la-corte\/2000\/tutelas-2000\/' title='Tutelas 2000' class='pt-cv-tax-tutelas-2000'>Tutelas 2000<\/a><\/div>\n<h4 class=\"pt-cv-title\"><a href=\"https:\/\/www.dmsjuridica.com\/buscador_20179478954\/corteconstitucionalcronologico202454587\/t-508-00\/\" class=\"_self\" target=\"_self\" >T-508-00<\/a><\/h4>\n<div class=\"pt-cv-content\">\u00a0 \u00a0 Sentencia T-508\/00 \u00a0 ACCION DE TUTELA-Procedencia excepcional pago de acreencias laborales\/DERECHO AL MINIMO VITAL DEL PENSIONADO-Pago oportuno de mesadas \u00a0 ACCION DE TUTELA TEMERARIA-Inexistencia por reclamar periodos de pensiones distintos \u00a0 Reiteraci\u00f3n de Jurisprudencia \u00a0 Referencia: expediente T-278380 \u00a0 Acci\u00f3n de tutela instaurada por Juan Higinio Rosero contra el Gobernador del Departamento de Nari\u00f1o. \u00a0 Magistrado Ponente: \u00a0 Santaf\u00e9 de Bogot\u00e1 D.C., a los ocho (8) d\u00edas del mes de mayo de dos mil (2000). \u00a0 La Sala Novena de Revisi\u00f3n de la Corte Constitucional, en ejercicio de sus competencias constitucionales y legales, en particular las previstas contenidas ...<br \/><div class=\"pt-cv-rmwrap\"><a href=\"https:\/\/www.dmsjuridica.com\/buscador_20179478954\/corteconstitucionalcronologico202454587\/t-508-00\/\" class=\"_self pt-cv-readmore btn btn-success\" target=\"_self\">Ver Sentencia Completa...<\/a><\/div><\/div><\/div><\/div>\n<div class=\"col-md-12 col-sm-12 col-xs-12 pt-cv-content-item pt-cv-1-col\" ><div class='pt-cv-ifield'><a href=\"https:\/\/www.dmsjuridica.com\/buscador_20179478954\/corteconstitucionalcronologico202454587\/t-507-00\/\" class=\"_self pt-cv-href-thumbnail pt-cv-thumb-default\" target=\"_self\" ><\/a>\n<div class=\"pt-cv-taxoterm above_title\"><a href='https:\/\/www.dmsjuridica.com\/buscador_20179478954\/corteconstitucionalcronologico202454587\/category\/buscar-en-toda-la-corte\/2000\/tutelas-2000\/' title='Tutelas 2000' class='pt-cv-tax-tutelas-2000'>Tutelas 2000<\/a><\/div>\n<h4 class=\"pt-cv-title\"><a href=\"https:\/\/www.dmsjuridica.com\/buscador_20179478954\/corteconstitucionalcronologico202454587\/t-507-00\/\" class=\"_self\" target=\"_self\" >T-507-00<\/a><\/h4>\n<div class=\"pt-cv-content\">\u00a0 \u00a0 Sentencia T-507\/00 \u00a0 ACCION DE TUTELA-Procedencia excepcional pago de acreencias laborales\/DERECHO AL MINIMO VITAL DEL TRABAJADOR-Pago oportuno de salarios \u00a0 Reiteraci\u00f3n de Jurisprudencia \u00a0 Referencia: expediente T-275767 \u00a0 Acci\u00f3n de tutela instaurada por Angela Gil de Palma, Carmen Jim\u00e9nez Gonz\u00e1lez y Martha Van Strahlen contra E.S.E. Hospital de Baranoa (Atl\u00e1ntico).\u00a0 \u00a0 Magistrado Ponente: \u00a0 Dr. ALVARO TAFUR GALVIS \u00a0 Santa Fe de Bogot\u00e1, D.C., a los ocho (8) d\u00edas del mes de mayo de dos mil (2000). \u00a0 La Sala Novena de Revisi\u00f3n de la Corte Constitucional, en ejercicio de sus competencias constitucionales y legales, en particular las ...<br \/><div class=\"pt-cv-rmwrap\"><a href=\"https:\/\/www.dmsjuridica.com\/buscador_20179478954\/corteconstitucionalcronologico202454587\/t-507-00\/\" class=\"_self pt-cv-readmore btn btn-success\" target=\"_self\">Ver Sentencia Completa...<\/a><\/div><\/div><\/div><\/div>\n<div class=\"col-md-12 col-sm-12 col-xs-12 pt-cv-content-item pt-cv-1-col\" ><div class='pt-cv-ifield'><a href=\"https:\/\/www.dmsjuridica.com\/buscador_20179478954\/corteconstitucionalcronologico202454587\/t-506-00\/\" class=\"_self pt-cv-href-thumbnail pt-cv-thumb-default\" target=\"_self\" ><\/a>\n<div class=\"pt-cv-taxoterm above_title\"><a href='https:\/\/www.dmsjuridica.com\/buscador_20179478954\/corteconstitucionalcronologico202454587\/category\/buscar-en-toda-la-corte\/2000\/tutelas-2000\/' title='Tutelas 2000' class='pt-cv-tax-tutelas-2000'>Tutelas 2000<\/a><\/div>\n<h4 class=\"pt-cv-title\"><a href=\"https:\/\/www.dmsjuridica.com\/buscador_20179478954\/corteconstitucionalcronologico202454587\/t-506-00\/\" class=\"_self\" target=\"_self\" >T-506-00<\/a><\/h4>\n<div class=\"pt-cv-content\">\u00a0 \u00a0 Sentencia T-506\/00 \u00a0 PROCESO CONTRAVENCIONAL-Reserva sumarial\/PROCESO CONTRAVENCIONAL-No expedici\u00f3n de copias al querellante \u00a0 En forma similar al proceso penal, el contravencional goza de reserva sumarial con fin de proteger las garant\u00edas constitucionales del sindicado, relativas a la presunci\u00f3n de inocencia e intimidad, hasta tanto se d\u00e9 inicio a la audiencia de juzgamiento, toda vez que en la misma y de all\u00ed en adelante predomina claramente el principio de publicidad de los actos. Adicionalmente, si bien es cierto que la facultad de solicitar pruebas estar\u00eda radicada en cabeza exclusiva de los sujetos procesales, tambi\u00e9n lo es que esa restricci\u00f3n ...<br \/><div class=\"pt-cv-rmwrap\"><a href=\"https:\/\/www.dmsjuridica.com\/buscador_20179478954\/corteconstitucionalcronologico202454587\/t-506-00\/\" class=\"_self pt-cv-readmore btn btn-success\" target=\"_self\">Ver Sentencia Completa...<\/a><\/div><\/div><\/div><\/div>\n<div class=\"col-md-12 col-sm-12 col-xs-12 pt-cv-content-item pt-cv-1-col\" ><div class='pt-cv-ifield'><a href=\"https:\/\/www.dmsjuridica.com\/buscador_20179478954\/corteconstitucionalcronologico202454587\/t-505-00\/\" class=\"_self pt-cv-href-thumbnail pt-cv-thumb-default\" target=\"_self\" ><\/a>\n<div class=\"pt-cv-taxoterm above_title\"><a href='https:\/\/www.dmsjuridica.com\/buscador_20179478954\/corteconstitucionalcronologico202454587\/category\/buscar-en-toda-la-corte\/2000\/tutelas-2000\/' title='Tutelas 2000' class='pt-cv-tax-tutelas-2000'>Tutelas 2000<\/a><\/div>\n<h4 class=\"pt-cv-title\"><a href=\"https:\/\/www.dmsjuridica.com\/buscador_20179478954\/corteconstitucionalcronologico202454587\/t-505-00\/\" class=\"_self\" target=\"_self\" >T-505-00<\/a><\/h4>\n<div class=\"pt-cv-content\">\u00a0 \u00a0 Sentencia T-505\/00 \u00a0 DEBIDO PROCESO ADMINISTRATIVO-Vulneraci\u00f3n por tramitar recurso de reposici\u00f3n en el efecto devolutivo y no en el suspensivo \u00a0 La Comisi\u00f3n de Televisi\u00f3n viol\u00f3 el debido proceso al dar al recurso de reposici\u00f3n un efecto no querido por el legislador y al forzar la ejecuci\u00f3n inmediata de su acto aun antes de que se hubiese interpuesto el recurso y mucho antes de la resoluci\u00f3n y notificaci\u00f3n del mismo. Resulta evidente que la sociedad demandante ten\u00eda derecho a que el acto administrativo no tuviera ejecuci\u00f3n durante el tiempo que se tomara el \u00f3rgano administrativo para resolver sobre ...<br \/><div class=\"pt-cv-rmwrap\"><a href=\"https:\/\/www.dmsjuridica.com\/buscador_20179478954\/corteconstitucionalcronologico202454587\/t-505-00\/\" class=\"_self pt-cv-readmore btn btn-success\" target=\"_self\">Ver Sentencia Completa...<\/a><\/div><\/div><\/div><\/div>\n<div class=\"col-md-12 col-sm-12 col-xs-12 pt-cv-content-item pt-cv-1-col\" ><div class='pt-cv-ifield'><a href=\"https:\/\/www.dmsjuridica.com\/buscador_20179478954\/corteconstitucionalcronologico202454587\/t-504-00\/\" class=\"_self pt-cv-href-thumbnail pt-cv-thumb-default\" target=\"_self\" ><\/a>\n<div class=\"pt-cv-taxoterm above_title\"><a href='https:\/\/www.dmsjuridica.com\/buscador_20179478954\/corteconstitucionalcronologico202454587\/category\/buscar-en-toda-la-corte\/2000\/tutelas-2000\/' title='Tutelas 2000' class='pt-cv-tax-tutelas-2000'>Tutelas 2000<\/a><\/div>\n<h4 class=\"pt-cv-title\"><a href=\"https:\/\/www.dmsjuridica.com\/buscador_20179478954\/corteconstitucionalcronologico202454587\/t-504-00\/\" class=\"_self\" target=\"_self\" >T-504-00<\/a><\/h4>\n<div class=\"pt-cv-content\">\u00a0 \u00a0 Sentencia T-504\/00 \u00a0 DEBIDO PROCESO-Notificaci\u00f3n de fallo al demandante \u00a0 Por no estar suspendidos los t\u00e9rminos al interior de las Salas, se profiri\u00f3 la sentencia, sin violaci\u00f3n alguna al debido proceso, toda vez que se le notific\u00f3 el fallo a la actora una vez se reanudaron los t\u00e9rminos, permiti\u00e9ndosele interponer el recurso a que ten\u00eda derecho, como en efecto ocurri\u00f3, pues la demandante efectivamente interpuso oportunamente el recurso extraordinario de casaci\u00f3n, el cual, en la actualidad se encuentra en tr\u00e1mite. \u00a0 MEDIDA DE ASEGURAMIENTO DE DETENCION SIN EXCARCELACION-Procedencia de la captura \u00a0 En relaci\u00f3n con la materializaci\u00f3n inmediata ...<br \/><div class=\"pt-cv-rmwrap\"><a href=\"https:\/\/www.dmsjuridica.com\/buscador_20179478954\/corteconstitucionalcronologico202454587\/t-504-00\/\" class=\"_self pt-cv-readmore btn btn-success\" target=\"_self\">Ver Sentencia Completa...<\/a><\/div><\/div><\/div><\/div>\n<div class=\"col-md-12 col-sm-12 col-xs-12 pt-cv-content-item pt-cv-1-col\" ><div class='pt-cv-ifield'><a href=\"https:\/\/www.dmsjuridica.com\/buscador_20179478954\/corteconstitucionalcronologico202454587\/t-503-00\/\" class=\"_self pt-cv-href-thumbnail pt-cv-thumb-default\" target=\"_self\" ><\/a>\n<div class=\"pt-cv-taxoterm above_title\"><a href='https:\/\/www.dmsjuridica.com\/buscador_20179478954\/corteconstitucionalcronologico202454587\/category\/buscar-en-toda-la-corte\/2000\/tutelas-2000\/' title='Tutelas 2000' class='pt-cv-tax-tutelas-2000'>Tutelas 2000<\/a><\/div>\n<h4 class=\"pt-cv-title\"><a href=\"https:\/\/www.dmsjuridica.com\/buscador_20179478954\/corteconstitucionalcronologico202454587\/t-503-00\/\" class=\"_self\" target=\"_self\" >T-503-00<\/a><\/h4>\n<div class=\"pt-cv-content\">\u00a0 \u00a0 Sentencia T-503\/00 \u00a0 DERECHO A LA SEGURIDAD SOCIAL DE PERSONA DE LA TERCERA EDAD\/ACCION DE TUTELA TRANSITORIA-Pago de mesadas pensionales y cotizaci\u00f3n en salud persona de la tercera edad \u00a0 Referencia: expediente T-263245\u00a0 \u00a0 Acci\u00f3n de tutela instaurada por Lilia Mar\u00eda Serna Fernandez contra el Hospital Universitario San Jos\u00e9 de Popay\u00e1n. \u00a0 Magistrado Ponente: \u00a0 Dr. JOS\u00c9 GREGORIO HERN\u00c1NDEZ GALINDO \u00a0 Santa Fe de Bogot\u00e1 D.C., cuatro (4) de mayo de dos mil \u00a0(2000). \u00a0 La Sala Quinta de Revisi\u00f3n de la Corte Constitucional, en ejercicio de sus competencias constitucionales y legales, espec\u00edficamente las previstas en los art\u00edculos ...<br \/><div class=\"pt-cv-rmwrap\"><a href=\"https:\/\/www.dmsjuridica.com\/buscador_20179478954\/corteconstitucionalcronologico202454587\/t-503-00\/\" class=\"_self pt-cv-readmore btn btn-success\" target=\"_self\">Ver Sentencia Completa...<\/a><\/div><\/div><\/div><\/div>\n<div class=\"col-md-12 col-sm-12 col-xs-12 pt-cv-content-item pt-cv-1-col\" ><div class='pt-cv-ifield'><a href=\"https:\/\/www.dmsjuridica.com\/buscador_20179478954\/corteconstitucionalcronologico202454587\/t-502-00\/\" class=\"_self pt-cv-href-thumbnail pt-cv-thumb-default\" target=\"_self\" ><\/a>\n<div class=\"pt-cv-taxoterm above_title\"><a href='https:\/\/www.dmsjuridica.com\/buscador_20179478954\/corteconstitucionalcronologico202454587\/category\/buscar-en-toda-la-corte\/2000\/tutelas-2000\/' title='Tutelas 2000' class='pt-cv-tax-tutelas-2000'>Tutelas 2000<\/a><\/div>\n<h4 class=\"pt-cv-title\"><a href=\"https:\/\/www.dmsjuridica.com\/buscador_20179478954\/corteconstitucionalcronologico202454587\/t-502-00\/\" class=\"_self\" target=\"_self\" >T-502-00<\/a><\/h4>\n<div class=\"pt-cv-content\">\u00a0 \u00a0 Sentencia T-502\/00 \u00a0 DERECHO AL PAGO OPORTUNO DEL SALARIO-Fundamental \u00a0 DERECHO A LA SUBSISTENCIA-Retribuci\u00f3n salarial \u00a0 EMPLEADOR-Falta de presupuesto o insolvencia para pago oportuno de salarios no es raz\u00f3n suficiente \u00a0 EMPLEADOR-Asunci\u00f3n de responsabilidad por mora en aportes en salud y seguridad social \u00a0 El empleador, ha dispuesto \u00a0la jurisprudencia, debe asumir los riesgos que con su omisi\u00f3n se generen, debiendo por lo tanto asumir \u00a0de su propio peculio lo relacionado con la prestaci\u00f3n de los servicios de salud requeridos por sus empleados y beneficiarios, as\u00ed como tambi\u00e9n en lo referente a la carga pensional que se genere, ...<br \/><div class=\"pt-cv-rmwrap\"><a href=\"https:\/\/www.dmsjuridica.com\/buscador_20179478954\/corteconstitucionalcronologico202454587\/t-502-00\/\" class=\"_self pt-cv-readmore btn btn-success\" target=\"_self\">Ver Sentencia Completa...<\/a><\/div><\/div><\/div><\/div>\n<div class=\"col-md-12 col-sm-12 col-xs-12 pt-cv-content-item pt-cv-1-col\" ><div class='pt-cv-ifield'><a href=\"https:\/\/www.dmsjuridica.com\/buscador_20179478954\/corteconstitucionalcronologico202454587\/t-501-00\/\" class=\"_self pt-cv-href-thumbnail pt-cv-thumb-default\" target=\"_self\" ><\/a>\n<div class=\"pt-cv-taxoterm above_title\"><a href='https:\/\/www.dmsjuridica.com\/buscador_20179478954\/corteconstitucionalcronologico202454587\/category\/buscar-en-toda-la-corte\/2000\/tutelas-2000\/' title='Tutelas 2000' class='pt-cv-tax-tutelas-2000'>Tutelas 2000<\/a><\/div>\n<h4 class=\"pt-cv-title\"><a href=\"https:\/\/www.dmsjuridica.com\/buscador_20179478954\/corteconstitucionalcronologico202454587\/t-501-00\/\" class=\"_self\" target=\"_self\" >T-501-00<\/a><\/h4>\n<div class=\"pt-cv-content\">\u00a0 \u00a0 Sentencia T-501\/00\u00a0 \u00a0 ACTO ADMINISTRATIVO DE EJECUCION-No tiene recursos\/ACTO ADMINISTRATIVO DE LIQUIDACION DE PENSION-No es de ejecuci\u00f3n\/ACTO ADMINISTRATIVO DE LIQUIDACION DE PENSION-Susceptible de recursos por v\u00eda gubernativa\/DEBIDO PROCESO-Vulneraci\u00f3n por no decisi\u00f3n de recursos \u00a0 Si bien es cierto que los actos administrativos de ejecuci\u00f3n no tienen recursos, en el caso concreto no se da esta situaci\u00f3n. En efecto, aunque el cumplimiento de la sentencia implicaba el reconocimiento de la pensi\u00f3n, y la liquidaci\u00f3n naturalmente forma parte de ese cumplimiento, lo relativo a la fijaci\u00f3n del monto de la pensi\u00f3n, en cuanto implica una operaci\u00f3n de juicio de la ...<br \/><div class=\"pt-cv-rmwrap\"><a href=\"https:\/\/www.dmsjuridica.com\/buscador_20179478954\/corteconstitucionalcronologico202454587\/t-501-00\/\" class=\"_self pt-cv-readmore btn btn-success\" target=\"_self\">Ver Sentencia Completa...<\/a><\/div><\/div><\/div><\/div>\n<div class=\"col-md-12 col-sm-12 col-xs-12 pt-cv-content-item pt-cv-1-col\" ><div class='pt-cv-ifield'><a href=\"https:\/\/www.dmsjuridica.com\/buscador_20179478954\/corteconstitucionalcronologico202454587\/t-500-00\/\" class=\"_self pt-cv-href-thumbnail pt-cv-thumb-default\" target=\"_self\" ><\/a>\n<div class=\"pt-cv-taxoterm above_title\"><a href='https:\/\/www.dmsjuridica.com\/buscador_20179478954\/corteconstitucionalcronologico202454587\/category\/buscar-en-toda-la-corte\/2000\/tutelas-2000\/' title='Tutelas 2000' class='pt-cv-tax-tutelas-2000'>Tutelas 2000<\/a><\/div>\n<h4 class=\"pt-cv-title\"><a href=\"https:\/\/www.dmsjuridica.com\/buscador_20179478954\/corteconstitucionalcronologico202454587\/t-500-00\/\" class=\"_self\" target=\"_self\" >T-500-00<\/a><\/h4>\n<div class=\"pt-cv-content\">\u00a0 \u00a0 Sentencia T-500\/00 \u00a0 DERECHO AL PAGO OPORTUNO DEL SALARIO-No importa modalidad en que se desempe\u00f1e el trabajo \u00a0 CONTRATO DE PRESTACION DE SERVICIOS-Caracter\u00edsticas \u00a0 PRINCIPIO DE PRIMACIA DE REALIDAD SOBRE FORMALIDADES ESTABLECIDAS POR SUJETOS DE RELACIONES LABORALES-Subordinaci\u00f3n en prestaci\u00f3n personal de servicio \u00a0 SALARIO-Noci\u00f3n en t\u00e9rminos de la OIT\/SALARIO-Elemento estructural de la relaci\u00f3n laboral \u00a0 Lo que no puede admitir duda es que el salario sea elemento estructural de la relaci\u00f3n laboral como pago por el trabajo realizado en subordinaci\u00f3n laboral; porque de lo contrario se estar\u00eda dentro de la esfera civil o comercial. \u00a0 DERECHO AL PAGO ...<br \/><div class=\"pt-cv-rmwrap\"><a href=\"https:\/\/www.dmsjuridica.com\/buscador_20179478954\/corteconstitucionalcronologico202454587\/t-500-00\/\" class=\"_self pt-cv-readmore btn btn-success\" target=\"_self\">Ver Sentencia Completa...<\/a><\/div><\/div><\/div><\/div>\n<div class=\"col-md-12 col-sm-12 col-xs-12 pt-cv-content-item pt-cv-1-col\" ><div class='pt-cv-ifield'><a href=\"https:\/\/www.dmsjuridica.com\/buscador_20179478954\/corteconstitucionalcronologico202454587\/t-499-00\/\" class=\"_self pt-cv-href-thumbnail pt-cv-thumb-default\" target=\"_self\" ><\/a>\n<div class=\"pt-cv-taxoterm above_title\"><a href='https:\/\/www.dmsjuridica.com\/buscador_20179478954\/corteconstitucionalcronologico202454587\/category\/buscar-en-toda-la-corte\/2000\/tutelas-2000\/' title='Tutelas 2000' class='pt-cv-tax-tutelas-2000'>Tutelas 2000<\/a><\/div>\n<h4 class=\"pt-cv-title\"><a href=\"https:\/\/www.dmsjuridica.com\/buscador_20179478954\/corteconstitucionalcronologico202454587\/t-499-00\/\" class=\"_self\" target=\"_self\" >T-499-00<\/a><\/h4>\n<div class=\"pt-cv-content\">\u00a0 \u00a0 Sentencia T-499\/00 \u00a0 PRINCIPIO DE CONTINUIDAD DEL SISTEMA DE SEGURIDAD SOCIAL EN SALUD POR EMPLEADOR EN CONCORDATO-No suspensi\u00f3n \u00a0 EMPLEADOR-Responsabilidad por mora en aportes a EPS\/PRINCIPIO DE CONTINUIDAD EN EL SERVICIO DE SALUD-Mora en el pago de aportes por empleador \u00a0 Referencia: expediente T-276931 \u00a0 Accionante: Myriam Salazar y otros. \u00a0 Juzgado de origen: Juzgado 18 de Familia de Santaf\u00e9 de Bogot\u00e1 \u00a0 Magistrado Ponente: \u00a0 Dr. ALEJANDRO MARTINEZ CABALLERO \u00a0 Santa Fe de Bogot\u00e1, D.C., cuatro (04) de mayo del dos mil (2.000). \u00a0 La Sala Sexta de Revisi\u00f3n de la Corte Constitucional, integrada por los Magistrados ...<br \/><div class=\"pt-cv-rmwrap\"><a href=\"https:\/\/www.dmsjuridica.com\/buscador_20179478954\/corteconstitucionalcronologico202454587\/t-499-00\/\" class=\"_self pt-cv-readmore btn btn-success\" target=\"_self\">Ver Sentencia Completa...<\/a><\/div><\/div><\/div><\/div>\n<div class=\"col-md-12 col-sm-12 col-xs-12 pt-cv-content-item pt-cv-1-col\" ><div class='pt-cv-ifield'><a href=\"https:\/\/www.dmsjuridica.com\/buscador_20179478954\/corteconstitucionalcronologico202454587\/t-498-00\/\" class=\"_self pt-cv-href-thumbnail pt-cv-thumb-default\" target=\"_self\" ><\/a>\n<div class=\"pt-cv-taxoterm above_title\"><a href='https:\/\/www.dmsjuridica.com\/buscador_20179478954\/corteconstitucionalcronologico202454587\/category\/buscar-en-toda-la-corte\/2000\/tutelas-2000\/' title='Tutelas 2000' class='pt-cv-tax-tutelas-2000'>Tutelas 2000<\/a><\/div>\n<h4 class=\"pt-cv-title\"><a href=\"https:\/\/www.dmsjuridica.com\/buscador_20179478954\/corteconstitucionalcronologico202454587\/t-498-00\/\" class=\"_self\" target=\"_self\" >T-498-00<\/a><\/h4>\n<div class=\"pt-cv-content\">\u00a0 \u00a0 Sentencia T-498\/00 \u00a0 ACCION DE TUTELA-Hecho consumado \u00a0 HERMENEUTICA DE LA IUS FUNDAMENTALIDAD-Alcance \u00a0 La hermen\u00e9utica de la ius fundamentalidad exige una actuaci\u00f3n particular del juez que estudia acciones de tutela, pues debe desligar criterios eminentemente formalistas y otorgar prevalencia al derecho sustancial que involucra la situaci\u00f3n f\u00e1ctica concreta. Por consiguiente, la interpretaci\u00f3n de los derechos fundamentales le reclama al juez una mayor participaci\u00f3n en la b\u00fasqueda de la m\u00e1xima efectividad de la Constituci\u00f3n. Sin embargo, ello no significa que la justicia constitucional deba ser oficiosa ni que el \u00e9xito de las pretensiones de la tutela correspondan \u00fanica ...<br \/><div class=\"pt-cv-rmwrap\"><a href=\"https:\/\/www.dmsjuridica.com\/buscador_20179478954\/corteconstitucionalcronologico202454587\/t-498-00\/\" class=\"_self pt-cv-readmore btn btn-success\" target=\"_self\">Ver Sentencia Completa...<\/a><\/div><\/div><\/div><\/div>\n<div class=\"col-md-12 col-sm-12 col-xs-12 pt-cv-content-item pt-cv-1-col\" ><div class='pt-cv-ifield'><a href=\"https:\/\/www.dmsjuridica.com\/buscador_20179478954\/corteconstitucionalcronologico202454587\/t-497-00\/\" class=\"_self pt-cv-href-thumbnail pt-cv-thumb-default\" target=\"_self\" ><\/a>\n<div class=\"pt-cv-taxoterm above_title\"><a href='https:\/\/www.dmsjuridica.com\/buscador_20179478954\/corteconstitucionalcronologico202454587\/category\/buscar-en-toda-la-corte\/2000\/tutelas-2000\/' title='Tutelas 2000' class='pt-cv-tax-tutelas-2000'>Tutelas 2000<\/a><\/div>\n<h4 class=\"pt-cv-title\"><a href=\"https:\/\/www.dmsjuridica.com\/buscador_20179478954\/corteconstitucionalcronologico202454587\/t-497-00\/\" class=\"_self\" target=\"_self\" >T-497-00<\/a><\/h4>\n<div class=\"pt-cv-content\">\u00a0 \u00a0 Sentencia T-497\/00 \u00a0 FEDERACION NACIONAL DE CAFETEROS-Naturaleza jur\u00eddica \u00a0 RECURSOS PARAFISCALES-Naturaleza\/FEDERACION NACIONAL DE CAFETEROS-Funciones p\u00fablicas \u00a0 SERVICIOS ESTATALES-Atenci\u00f3n\/DESCENTRALIZACION POR COLABORACION-Alcance \u00a0 FEDERACION NACIONAL DE CAFETEROS-V\u00ednculo contractual \u00a0 INDEFENSION-Alcance \u00a0 SUBORDINACION-Alcance \u00a0 SUBORDINACION-Inexistencia de relaci\u00f3n laboral con parte demandada \u00a0 En el caso que nos ocupa, es claro que frente a la situaci\u00f3n que expone el actor, no se configura subordinaci\u00f3n de su parte con respecto al Gerente General de la Federaci\u00f3n, precisamente porque no existe dependencia suya ni v\u00ednculo alguno entre uno y otro. \u00a0En consecuencia, \u00a0no se conforman ninguno de los elementos para alegar ese requisito.\u00a0 \u00a0 ...<br \/><div class=\"pt-cv-rmwrap\"><a href=\"https:\/\/www.dmsjuridica.com\/buscador_20179478954\/corteconstitucionalcronologico202454587\/t-497-00\/\" class=\"_self pt-cv-readmore btn btn-success\" target=\"_self\">Ver Sentencia Completa...<\/a><\/div><\/div><\/div><\/div>\n<div class=\"col-md-12 col-sm-12 col-xs-12 pt-cv-content-item pt-cv-1-col\" ><div class='pt-cv-ifield'><a href=\"https:\/\/www.dmsjuridica.com\/buscador_20179478954\/corteconstitucionalcronologico202454587\/t-496-00\/\" class=\"_self pt-cv-href-thumbnail pt-cv-thumb-default\" target=\"_self\" ><\/a>\n<div class=\"pt-cv-taxoterm above_title\"><a href='https:\/\/www.dmsjuridica.com\/buscador_20179478954\/corteconstitucionalcronologico202454587\/category\/buscar-en-toda-la-corte\/2000\/tutelas-2000\/' title='Tutelas 2000' class='pt-cv-tax-tutelas-2000'>Tutelas 2000<\/a><\/div>\n<h4 class=\"pt-cv-title\"><a href=\"https:\/\/www.dmsjuridica.com\/buscador_20179478954\/corteconstitucionalcronologico202454587\/t-496-00\/\" class=\"_self\" target=\"_self\" >T-496-00<\/a><\/h4>\n<div class=\"pt-cv-content\">\u00a0 \u00a0 Sentencia T-496\/00 \u00a0 AUTONOMIA UNIVERSITARIA-Alcance\/AUTONOMIA UNIVERSITARIA-No es absoluta \u00a0 REGLAMENTO UNIVERSITARIO-Obligatoriedad para comunidad educativa \u00a0 Los reglamentos universitarios son normas vinculantes a toda la comunidad educativa, esto es, son obligatorios para las directivas, profesores y estudiantes de la universidad. No obstante, ello no significa que los aspirantes a obtener un cupo en el centro educativo no tienen normas que los regulan. Por el contrario, a\u00fan los futuros alumnos deben cumplir reglas de conducta para acceder a la universidad, las cuales deber\u00e1n aceptarse expresamente con la firma de la matr\u00edcula. En caso de no compartir las regulaciones del reglamento ...<br \/><div class=\"pt-cv-rmwrap\"><a href=\"https:\/\/www.dmsjuridica.com\/buscador_20179478954\/corteconstitucionalcronologico202454587\/t-496-00\/\" class=\"_self pt-cv-readmore btn btn-success\" target=\"_self\">Ver Sentencia Completa...<\/a><\/div><\/div><\/div><\/div>\n<div class=\"col-md-12 col-sm-12 col-xs-12 pt-cv-content-item pt-cv-1-col\" ><div class='pt-cv-ifield'><a href=\"https:\/\/www.dmsjuridica.com\/buscador_20179478954\/corteconstitucionalcronologico202454587\/t-495-00\/\" class=\"_self pt-cv-href-thumbnail pt-cv-thumb-default\" target=\"_self\" ><\/a>\n<div class=\"pt-cv-taxoterm above_title\"><a href='https:\/\/www.dmsjuridica.com\/buscador_20179478954\/corteconstitucionalcronologico202454587\/category\/buscar-en-toda-la-corte\/2000\/tutelas-2000\/' title='Tutelas 2000' class='pt-cv-tax-tutelas-2000'>Tutelas 2000<\/a><\/div>\n<h4 class=\"pt-cv-title\"><a href=\"https:\/\/www.dmsjuridica.com\/buscador_20179478954\/corteconstitucionalcronologico202454587\/t-495-00\/\" class=\"_self\" target=\"_self\" >T-495-00<\/a><\/h4>\n<div class=\"pt-cv-content\">\u00a0 \u00a0 Sentencia T-495\/00 \u00a0 DERECHO AL BUEN NOMBRE-Clave personal que reivindica nombre comercial\/ACCION DE TUTELA-Carencia actual de objeto \u00a0 Las pretensiones de la tutela han sido superadas, pues la entidad accionada acept\u00f3 los argumentos del actor concediendo una clave personal que reivindica su nombre comercial y le permite acceder al cr\u00e9dito, que eran los objetivos de la presente acci\u00f3n. De ah\u00ed que es evidente que no existe una transgresi\u00f3n actual o una amenaza inminente de violaci\u00f3n de ning\u00fan derecho fundamental que deba ser amparado por esta v\u00eda.\u00a0 \u00a0 Referencia: expediente T- 278.983 \u00a0 Acci\u00f3n de tutela instaurada por Bonifacio ...<br \/><div class=\"pt-cv-rmwrap\"><a href=\"https:\/\/www.dmsjuridica.com\/buscador_20179478954\/corteconstitucionalcronologico202454587\/t-495-00\/\" class=\"_self pt-cv-readmore btn btn-success\" target=\"_self\">Ver Sentencia Completa...<\/a><\/div><\/div><\/div><\/div>\n<div class=\"col-md-12 col-sm-12 col-xs-12 pt-cv-content-item pt-cv-1-col\" ><div class='pt-cv-ifield'><a href=\"https:\/\/www.dmsjuridica.com\/buscador_20179478954\/corteconstitucionalcronologico202454587\/t-494-00\/\" class=\"_self pt-cv-href-thumbnail pt-cv-thumb-default\" target=\"_self\" ><\/a>\n<div class=\"pt-cv-taxoterm above_title\"><a href='https:\/\/www.dmsjuridica.com\/buscador_20179478954\/corteconstitucionalcronologico202454587\/category\/buscar-en-toda-la-corte\/2000\/tutelas-2000\/' title='Tutelas 2000' class='pt-cv-tax-tutelas-2000'>Tutelas 2000<\/a><\/div>\n<h4 class=\"pt-cv-title\"><a href=\"https:\/\/www.dmsjuridica.com\/buscador_20179478954\/corteconstitucionalcronologico202454587\/t-494-00\/\" class=\"_self\" target=\"_self\" >T-494-00<\/a><\/h4>\n<div class=\"pt-cv-content\">\u00a0 \u00a0 Sentencia T-494\/00 \u00a0 DERECHO A LA ESTABILIDAD LABORAL REFORZADA DE MUJER EMBARAZADA-Empleada de libre nombramiento y remoci\u00f3n\/DERECHO AL TRABAJO DE MUJER EMBARAZADA-Motivaci\u00f3n del acto administrativo de desvinculaci\u00f3n \u00a0 La jurisprudencia constitucional ha dejado en claro que la estabilidad reforzada en el empleo \u201cse aplica tanto a la mujer que tiene un contrato de trabajo, como a la servidora p\u00fablica, sin importar si se encuentra sometida al r\u00e9gimen de carrera administrativa o de libre nombramiento y remoci\u00f3n\u201d. Por ende, la administraci\u00f3n no es absolutamente discrecional para retirar del servicio a una mujer embarazada. No obstante, el nominador puede justificar ...<br \/><div class=\"pt-cv-rmwrap\"><a href=\"https:\/\/www.dmsjuridica.com\/buscador_20179478954\/corteconstitucionalcronologico202454587\/t-494-00\/\" class=\"_self pt-cv-readmore btn btn-success\" target=\"_self\">Ver Sentencia Completa...<\/a><\/div><\/div><\/div><\/div>\n<div class=\"col-md-12 col-sm-12 col-xs-12 pt-cv-content-item pt-cv-1-col\" ><div class='pt-cv-ifield'><a href=\"https:\/\/www.dmsjuridica.com\/buscador_20179478954\/corteconstitucionalcronologico202454587\/t-493-00\/\" class=\"_self pt-cv-href-thumbnail pt-cv-thumb-default\" target=\"_self\" ><\/a>\n<div class=\"pt-cv-taxoterm above_title\"><a href='https:\/\/www.dmsjuridica.com\/buscador_20179478954\/corteconstitucionalcronologico202454587\/category\/buscar-en-toda-la-corte\/2000\/tutelas-2000\/' title='Tutelas 2000' class='pt-cv-tax-tutelas-2000'>Tutelas 2000<\/a><\/div>\n<h4 class=\"pt-cv-title\"><a href=\"https:\/\/www.dmsjuridica.com\/buscador_20179478954\/corteconstitucionalcronologico202454587\/t-493-00\/\" class=\"_self\" target=\"_self\" >T-493-00<\/a><\/h4>\n<div class=\"pt-cv-content\">\u00a0 \u00a0 Sentencia T-493\/00 \u00a0 DERECHO A LA SALUD-Retenci\u00f3n de radiograf\u00edas por parte de entidad de salud\/DERECHO A LA SALUD-No puede impedirse acceso a nuevas operaciones de recuperaci\u00f3n \u00a0 Una respuesta de una entidad de salud, tendiente a limitar la posibilidad que tiene una paciente de ser evaluada por otros profesionales o tendiente a impedir el acceso o b\u00fasqueda de otras opciones de recuperaci\u00f3n, - al restringir el acceso a radiograf\u00edas -, si puede llegar a ser un obst\u00e1culo frente a las oportunidades de mejor\u00eda de una paciente y puede por ende, \u00a0resultar contraria a sus derechos fundamentales. Bajo tales ...<br \/><div class=\"pt-cv-rmwrap\"><a href=\"https:\/\/www.dmsjuridica.com\/buscador_20179478954\/corteconstitucionalcronologico202454587\/t-493-00\/\" class=\"_self pt-cv-readmore btn btn-success\" target=\"_self\">Ver Sentencia Completa...<\/a><\/div><\/div><\/div><\/div>\n<div class=\"col-md-12 col-sm-12 col-xs-12 pt-cv-content-item pt-cv-1-col\" ><div class='pt-cv-ifield'><a href=\"https:\/\/www.dmsjuridica.com\/buscador_20179478954\/corteconstitucionalcronologico202454587\/t-481-00\/\" class=\"_self pt-cv-href-thumbnail pt-cv-thumb-default\" target=\"_self\" ><\/a>\n<div class=\"pt-cv-taxoterm above_title\"><a href='https:\/\/www.dmsjuridica.com\/buscador_20179478954\/corteconstitucionalcronologico202454587\/category\/buscar-en-toda-la-corte\/2000\/tutelas-2000\/' title='Tutelas 2000' class='pt-cv-tax-tutelas-2000'>Tutelas 2000<\/a><\/div>\n<h4 class=\"pt-cv-title\"><a href=\"https:\/\/www.dmsjuridica.com\/buscador_20179478954\/corteconstitucionalcronologico202454587\/t-481-00\/\" class=\"_self\" target=\"_self\" >T-481-00<\/a><\/h4>\n<div class=\"pt-cv-content\">\u00a0 \u00a0 Sentencia T-481\/00 \u00a0 MEDIO DE DEFENSA JUDICIAL-Incumplimiento de obligaciones contractuales por Cooperativa \u00a0 ACCION DE TUTELA CONTRA PARTICULARES-Presupuestos \u00a0 ACCION DE TUTELA CONTRA ENTIDAD FINANCIERA-Procedencia \u00a0 ACCION DE TUTELA CONTRA PARTICULARES-Cooperativa organizada como instituci\u00f3n financiera que presta un servicio p\u00fablico \u00a0 SERVICIOS PUBLICOS-Manejo, aprovechamiento e inversi\u00f3n de los recursos captados del p\u00fablico \u00a0 PERSONA DE LA TERCERA EDAD-Trato constitucional preferente\/DERECHO A LA SEGURIDAD SOCIAL DE PERSONA DE LA TERCERA EDAD-Escasez de recursos\/PERJUICIO IRREMEDIABLE-Congelaci\u00f3n transitoria de recursos de instituci\u00f3n financiera que afecta derechos fundamentales de personas de la tercera edad \u00a0 Para la Sala es claro que el proceso ...<br \/><div class=\"pt-cv-rmwrap\"><a href=\"https:\/\/www.dmsjuridica.com\/buscador_20179478954\/corteconstitucionalcronologico202454587\/t-481-00\/\" class=\"_self pt-cv-readmore btn btn-success\" target=\"_self\">Ver Sentencia Completa...<\/a><\/div><\/div><\/div><\/div>\n<div class=\"col-md-12 col-sm-12 col-xs-12 pt-cv-content-item pt-cv-1-col\" ><div class='pt-cv-ifield'><a href=\"https:\/\/www.dmsjuridica.com\/buscador_20179478954\/corteconstitucionalcronologico202454587\/t-480-00\/\" class=\"_self pt-cv-href-thumbnail pt-cv-thumb-default\" target=\"_self\" ><\/a>\n<div class=\"pt-cv-taxoterm above_title\"><a href='https:\/\/www.dmsjuridica.com\/buscador_20179478954\/corteconstitucionalcronologico202454587\/category\/buscar-en-toda-la-corte\/2000\/tutelas-2000\/' title='Tutelas 2000' class='pt-cv-tax-tutelas-2000'>Tutelas 2000<\/a><\/div>\n<h4 class=\"pt-cv-title\"><a href=\"https:\/\/www.dmsjuridica.com\/buscador_20179478954\/corteconstitucionalcronologico202454587\/t-480-00\/\" class=\"_self\" target=\"_self\" >T-480-00<\/a><\/h4>\n<div class=\"pt-cv-content\">\u00a0 \u00a0 Sentencia T-480\/00 \u00a0 LEGITIMACION POR ACTIVA DEL SINDICATO-Presentaci\u00f3n de tutela \u00a0 ACCION DE TUTELA-Procedencia excepcional pago de acreencias laborales \u00a0 EMPRESA EN CONCORDATO-Pago de acreencias laborales \u00a0 Esta Sala de Revisi\u00f3n no desconoce la dif\u00edcil situaci\u00f3n econ\u00f3mica que atraviesan todos los municipios del pa\u00eds, pero desde el punto de vista constitucional, la Corte no puede negar la protecci\u00f3n a los derechos fundamentales que se aprecian afectados con el retraso por parte del municipio del salario legalmente debido a la demandante, en tanto que la Carta Pol\u00edtica protege de manera especial al trabajo y su desarrollo en condiciones de ...<br \/><div class=\"pt-cv-rmwrap\"><a href=\"https:\/\/www.dmsjuridica.com\/buscador_20179478954\/corteconstitucionalcronologico202454587\/t-480-00\/\" class=\"_self pt-cv-readmore btn btn-success\" target=\"_self\">Ver Sentencia Completa...<\/a><\/div><\/div><\/div><\/div>\n<div class=\"col-md-12 col-sm-12 col-xs-12 pt-cv-content-item pt-cv-1-col\" ><div class='pt-cv-ifield'><a href=\"https:\/\/www.dmsjuridica.com\/buscador_20179478954\/corteconstitucionalcronologico202454587\/t-479-00\/\" class=\"_self pt-cv-href-thumbnail pt-cv-thumb-default\" target=\"_self\" ><\/a>\n<div class=\"pt-cv-taxoterm above_title\"><a href='https:\/\/www.dmsjuridica.com\/buscador_20179478954\/corteconstitucionalcronologico202454587\/category\/buscar-en-toda-la-corte\/2000\/tutelas-2000\/' title='Tutelas 2000' class='pt-cv-tax-tutelas-2000'>Tutelas 2000<\/a><\/div>\n<h4 class=\"pt-cv-title\"><a href=\"https:\/\/www.dmsjuridica.com\/buscador_20179478954\/corteconstitucionalcronologico202454587\/t-479-00\/\" class=\"_self\" target=\"_self\" >T-479-00<\/a><\/h4>\n<div class=\"pt-cv-content\">\u00a0 \u00a0 Sentencia T-479\/00 \u00a0 ACCION DE TUTELA-Procedencia excepcional pago de acreencias laborales \u00a0 Reiteraci\u00f3n de Jurisprudencia \u00a0 Referencia: expediente T-274405 \u00a0 Acci\u00f3n de tutela instaurada por Jaime Mora Mora contra la Direcci\u00f3n Seccional Administrativa y Financiera de la Fiscal\u00eda General de la Naci\u00f3n. \u00a0 Magistrado ponente: \u00a0 Dr. ALVARO TAFUR GALVIS \u00a0 Santaf\u00e9 de Bogot\u00e1 D.C., a los dos (2) d\u00edas del mes de mayo de dos mil (2000). \u00a0 La Sala Novena de Revisi\u00f3n de la Corte Constitucional, en ejercicio de sus competencias constitucionales y legales, en particular las contenidas en los art\u00edculos 86 y 241, numeral 9, ...<br \/><div class=\"pt-cv-rmwrap\"><a href=\"https:\/\/www.dmsjuridica.com\/buscador_20179478954\/corteconstitucionalcronologico202454587\/t-479-00\/\" class=\"_self pt-cv-readmore btn btn-success\" target=\"_self\">Ver Sentencia Completa...<\/a><\/div><\/div><\/div><\/div>\n<div class=\"col-md-12 col-sm-12 col-xs-12 pt-cv-content-item pt-cv-1-col\" ><div class='pt-cv-ifield'><a href=\"https:\/\/www.dmsjuridica.com\/buscador_20179478954\/corteconstitucionalcronologico202454587\/t-478-00\/\" class=\"_self pt-cv-href-thumbnail pt-cv-thumb-default\" target=\"_self\" ><\/a>\n<div class=\"pt-cv-taxoterm above_title\"><a href='https:\/\/www.dmsjuridica.com\/buscador_20179478954\/corteconstitucionalcronologico202454587\/category\/buscar-en-toda-la-corte\/2000\/tutelas-2000\/' title='Tutelas 2000' class='pt-cv-tax-tutelas-2000'>Tutelas 2000<\/a><\/div>\n<h4 class=\"pt-cv-title\"><a href=\"https:\/\/www.dmsjuridica.com\/buscador_20179478954\/corteconstitucionalcronologico202454587\/t-478-00\/\" class=\"_self\" target=\"_self\" >T-478-00<\/a><\/h4>\n<div class=\"pt-cv-content\">\u00a0 \u00a0 Sentencia T-478\/00 \u00a0 DERECHO DE PETICION-Pronta resoluci\u00f3n sobre reconocimiento de pensi\u00f3n sustitutiva\/DERECHO DE PETICION-Juez no puede fijar ni ordenar contenido de la decisi\u00f3n \u00a0 En el caso que se revisa era evidente la violaci\u00f3n del derecho de petici\u00f3n, ante la demora de la administraci\u00f3n en responder a la solicitud de la accionante relativa a su derecho pensional, pero como lo tiene establecido la jurisprudencia, cuando se advierte la vulneraci\u00f3n al derecho de petici\u00f3n, no pueden los jueces, como se procedi\u00f3 en este caso, fijar ni ordenar el contenido de la decisi\u00f3n que la autoridad administrativa esta llamada tomar ...<br \/><div class=\"pt-cv-rmwrap\"><a href=\"https:\/\/www.dmsjuridica.com\/buscador_20179478954\/corteconstitucionalcronologico202454587\/t-478-00\/\" class=\"_self pt-cv-readmore btn btn-success\" target=\"_self\">Ver Sentencia Completa...<\/a><\/div><\/div><\/div><\/div>\n<div class=\"col-md-12 col-sm-12 col-xs-12 pt-cv-content-item pt-cv-1-col\" ><div class='pt-cv-ifield'><a href=\"https:\/\/www.dmsjuridica.com\/buscador_20179478954\/corteconstitucionalcronologico202454587\/t-477-00\/\" class=\"_self pt-cv-href-thumbnail pt-cv-thumb-default\" target=\"_self\" ><\/a>\n<div class=\"pt-cv-taxoterm above_title\"><a href='https:\/\/www.dmsjuridica.com\/buscador_20179478954\/corteconstitucionalcronologico202454587\/category\/buscar-en-toda-la-corte\/2000\/tutelas-2000\/' title='Tutelas 2000' class='pt-cv-tax-tutelas-2000'>Tutelas 2000<\/a><\/div>\n<h4 class=\"pt-cv-title\"><a href=\"https:\/\/www.dmsjuridica.com\/buscador_20179478954\/corteconstitucionalcronologico202454587\/t-477-00\/\" class=\"_self\" target=\"_self\" >T-477-00<\/a><\/h4>\n<div class=\"pt-cv-content\">\u00a0 \u00a0 Sentencia T-477\/00 \u00a0 DERECHO A LA VIDA-Protecci\u00f3n en casos de urgencia comprobada \u00a0 MUJER EMBARAZADA-Protecci\u00f3n especial \u00a0 Reiteraci\u00f3n de jurisprudencia \u00a0 Referencia: expediente T-271714 \u00a0 Acci\u00f3n de tutela instaurada Alfredo Emilio Sanchez Carabali contra SALUDCOOP, E.PS. \u00a0 Magistrado Ponente: \u00a0 Dr. ALVARO TAFUR GALVIS \u00a0 Santaf\u00e9 de Bogot\u00e1 D.C., a los dos (2) d\u00edas del mes de mayo de dos mil (2000). \u00a0 La Sala Novena de Revisi\u00f3n de la Corte Constitucional, en ejercicio de sus competencias constitucionales y legales, espec\u00edficamente las previstas en los art\u00edculos 86 y 241, numeral 9, de la Constituci\u00f3n Pol\u00edtica y en el ...<br \/><div class=\"pt-cv-rmwrap\"><a href=\"https:\/\/www.dmsjuridica.com\/buscador_20179478954\/corteconstitucionalcronologico202454587\/t-477-00\/\" class=\"_self pt-cv-readmore btn btn-success\" target=\"_self\">Ver Sentencia Completa...<\/a><\/div><\/div><\/div><\/div>\n<div class=\"col-md-12 col-sm-12 col-xs-12 pt-cv-content-item pt-cv-1-col\" ><div class='pt-cv-ifield'><a href=\"https:\/\/www.dmsjuridica.com\/buscador_20179478954\/corteconstitucionalcronologico202454587\/t-476-00\/\" class=\"_self pt-cv-href-thumbnail pt-cv-thumb-default\" target=\"_self\" ><\/a>\n<div class=\"pt-cv-taxoterm above_title\"><a href='https:\/\/www.dmsjuridica.com\/buscador_20179478954\/corteconstitucionalcronologico202454587\/category\/buscar-en-toda-la-corte\/2000\/tutelas-2000\/' title='Tutelas 2000' class='pt-cv-tax-tutelas-2000'>Tutelas 2000<\/a><\/div>\n<h4 class=\"pt-cv-title\"><a href=\"https:\/\/www.dmsjuridica.com\/buscador_20179478954\/corteconstitucionalcronologico202454587\/t-476-00\/\" class=\"_self\" target=\"_self\" >T-476-00<\/a><\/h4>\n<div class=\"pt-cv-content\">\u00a0 \u00a0 Sentencia T-476\/00 \u00a0 DERECHO A LA SALUD-Conexidad con la vida \u00a0 ACCION DE TUTELA-Improcedencia de cirug\u00eda que no tiene car\u00e1cter terap\u00e9utico \u00a0 Reiteraci\u00f3n de jurisprudencia \u00a0 Referencia: expediente T-272672 \u00a0 Acci\u00f3n de tutela instaurada por Analida Isabel Bayona contra la Cl\u00ednica Prevenir IPS \u00a0 Magistrado Ponente: \u00a0 Dr. ALVARO TAFUR GALVIS \u00a0 Santaf\u00e9 de Bogot\u00e1, D.C., a los dos (2) d\u00edas del mes de mayo de dos mil (2000).\u00a0 \u00a0 La Sala Novena de Revisi\u00f3n de la Corte Constitucional, en ejercicio de sus competencias constitucionales y legales, espec\u00edficamente las previstas en los art\u00edculos 86 y 241, numeral 9, ...<br \/><div class=\"pt-cv-rmwrap\"><a href=\"https:\/\/www.dmsjuridica.com\/buscador_20179478954\/corteconstitucionalcronologico202454587\/t-476-00\/\" class=\"_self pt-cv-readmore btn btn-success\" target=\"_self\">Ver Sentencia Completa...<\/a><\/div><\/div><\/div><\/div>\n<div class=\"col-md-12 col-sm-12 col-xs-12 pt-cv-content-item pt-cv-1-col\" ><div class='pt-cv-ifield'><a href=\"https:\/\/www.dmsjuridica.com\/buscador_20179478954\/corteconstitucionalcronologico202454587\/t-475-00\/\" class=\"_self pt-cv-href-thumbnail pt-cv-thumb-default\" target=\"_self\" ><\/a>\n<div class=\"pt-cv-taxoterm above_title\"><a href='https:\/\/www.dmsjuridica.com\/buscador_20179478954\/corteconstitucionalcronologico202454587\/category\/buscar-en-toda-la-corte\/2000\/tutelas-2000\/' title='Tutelas 2000' class='pt-cv-tax-tutelas-2000'>Tutelas 2000<\/a><\/div>\n<h4 class=\"pt-cv-title\"><a href=\"https:\/\/www.dmsjuridica.com\/buscador_20179478954\/corteconstitucionalcronologico202454587\/t-475-00\/\" class=\"_self\" target=\"_self\" >T-475-00<\/a><\/h4>\n<div class=\"pt-cv-content\">\u00a0 \u00a0 Sentencia T-475\/00 \u00a0 DERECHO A LA SALUD DEL NI\u00d1O-Implante coclear por sordera \u00a0 Omitir un tratamiento o intervenci\u00f3n quir\u00fargica que puede poner fin a una dolencia o malestar, es prolongar dichos estados indeseables y atentar contra la dignidad humana. Por lo anterior, se conceder\u00e1 la tutela ordenando al I.S.S. que si previa valoraci\u00f3n m\u00e9dica de los especialistas de esa entidad o \u00a0de los que ella disponga, se llegare a la conclusi\u00f3n de que es menester un implante coclear, se realice en el t\u00e9rmino de un mes, contado a partir de tal diagn\u00f3stico sin que pueda oponerse la exclusi\u00f3n ...<br \/><div class=\"pt-cv-rmwrap\"><a href=\"https:\/\/www.dmsjuridica.com\/buscador_20179478954\/corteconstitucionalcronologico202454587\/t-475-00\/\" class=\"_self pt-cv-readmore btn btn-success\" target=\"_self\">Ver Sentencia Completa...<\/a><\/div><\/div><\/div><\/div>\n<div class=\"col-md-12 col-sm-12 col-xs-12 pt-cv-content-item pt-cv-1-col\" ><div class='pt-cv-ifield'><a href=\"https:\/\/www.dmsjuridica.com\/buscador_20179478954\/corteconstitucionalcronologico202454587\/t-474-00\/\" class=\"_self pt-cv-href-thumbnail pt-cv-thumb-default\" target=\"_self\" ><\/a>\n<div class=\"pt-cv-taxoterm above_title\"><a href='https:\/\/www.dmsjuridica.com\/buscador_20179478954\/corteconstitucionalcronologico202454587\/category\/buscar-en-toda-la-corte\/2000\/tutelas-2000\/' title='Tutelas 2000' class='pt-cv-tax-tutelas-2000'>Tutelas 2000<\/a><\/div>\n<h4 class=\"pt-cv-title\"><a href=\"https:\/\/www.dmsjuridica.com\/buscador_20179478954\/corteconstitucionalcronologico202454587\/t-474-00\/\" class=\"_self\" target=\"_self\" >T-474-00<\/a><\/h4>\n<div class=\"pt-cv-content\">\u00a0 \u00a0 Sentencia T-474\/00 \u00a0 DERECHO DE PETICION-Pronta resoluci\u00f3n equivale a quince d\u00edas mientras legislador fija t\u00e9rmino distinto \u00a0 DERECHO DE PETICION ANTE EL SEGURO SOCIAL-Aplicaci\u00f3n anal\u00f3gica de t\u00e9rmino de cuatro meses para resolver reconocimiento de pensiones legales \u00a0 Mientras el legislador no establezca un plazo espec\u00edfico para que el Seguro Social resuelva las solicitudes que le presenten sus afiliados, \u00e9ste sigue rigi\u00e9ndose en materia de derecho de petici\u00f3n por el art\u00edculo 6 del C\u00f3digo Contencioso Administrativo, seg\u00fan el cual la respuesta a las peticiones de car\u00e1cter particular o general, como la que aqu\u00ed se analiza, deben ser resueltas en ...<br \/><div class=\"pt-cv-rmwrap\"><a href=\"https:\/\/www.dmsjuridica.com\/buscador_20179478954\/corteconstitucionalcronologico202454587\/t-474-00\/\" class=\"_self pt-cv-readmore btn btn-success\" target=\"_self\">Ver Sentencia Completa...<\/a><\/div><\/div><\/div><\/div>\n<div class=\"col-md-12 col-sm-12 col-xs-12 pt-cv-content-item pt-cv-1-col\" ><div class='pt-cv-ifield'><a href=\"https:\/\/www.dmsjuridica.com\/buscador_20179478954\/corteconstitucionalcronologico202454587\/t-473-00\/\" class=\"_self pt-cv-href-thumbnail pt-cv-thumb-default\" target=\"_self\" ><\/a>\n<div class=\"pt-cv-taxoterm above_title\"><a href='https:\/\/www.dmsjuridica.com\/buscador_20179478954\/corteconstitucionalcronologico202454587\/category\/buscar-en-toda-la-corte\/2000\/tutelas-2000\/' title='Tutelas 2000' class='pt-cv-tax-tutelas-2000'>Tutelas 2000<\/a><\/div>\n<h4 class=\"pt-cv-title\"><a href=\"https:\/\/www.dmsjuridica.com\/buscador_20179478954\/corteconstitucionalcronologico202454587\/t-473-00\/\" class=\"_self\" target=\"_self\" >T-473-00<\/a><\/h4>\n<div class=\"pt-cv-content\">\u00a0 \u00a0 Sentencia T-473\/00 \u00a0 ACCION DE TUTELA CONTRA PARTICULARES-Subordinaci\u00f3n \u00a0 ACCION DE TUTELA-Procedencia excepcional pago de acreencias laborales\/DERECHO AL MINIMO VITAL DEL TRABAJADOR-Pago oportuno de salarios \u00a0 DERECHO AL PAGO OPORTUNO DEL SALARIO-Fundamental \u00a0 EMPLEADOR-Falta de presupuesto o insolvencia para pago oportuno de salarios no es raz\u00f3n suficiente \u00a0 Reiteraci\u00f3n de Jurisprudencia \u00a0 Referencia: expediente T-275382 \u00a0 Acci\u00f3n de tutela instaurada por Javier Pejendino Santa Cruz contra la empresa Seguridad IVAEST Ltda.\u00a0 \u00a0 Magistrado Ponente: \u00a0 Dr. ALVARO TAFUR GALVIS \u00a0 Santa Fe de Bogot\u00e1, D.C., a los dos (2) d\u00edas del mes de mayo de dos mil (2000) ...<br \/><div class=\"pt-cv-rmwrap\"><a href=\"https:\/\/www.dmsjuridica.com\/buscador_20179478954\/corteconstitucionalcronologico202454587\/t-473-00\/\" class=\"_self pt-cv-readmore btn btn-success\" target=\"_self\">Ver Sentencia Completa...<\/a><\/div><\/div><\/div><\/div>\n<div class=\"col-md-12 col-sm-12 col-xs-12 pt-cv-content-item pt-cv-1-col\" ><div class='pt-cv-ifield'><a href=\"https:\/\/www.dmsjuridica.com\/buscador_20179478954\/corteconstitucionalcronologico202454587\/t-472-00\/\" class=\"_self pt-cv-href-thumbnail pt-cv-thumb-default\" target=\"_self\" ><\/a>\n<div class=\"pt-cv-taxoterm above_title\"><a href='https:\/\/www.dmsjuridica.com\/buscador_20179478954\/corteconstitucionalcronologico202454587\/category\/buscar-en-toda-la-corte\/2000\/tutelas-2000\/' title='Tutelas 2000' class='pt-cv-tax-tutelas-2000'>Tutelas 2000<\/a><\/div>\n<h4 class=\"pt-cv-title\"><a href=\"https:\/\/www.dmsjuridica.com\/buscador_20179478954\/corteconstitucionalcronologico202454587\/t-472-00\/\" class=\"_self\" target=\"_self\" >T-472-00<\/a><\/h4>\n<div class=\"pt-cv-content\">\u00a0 \u00a0 Sentencia T-472\/00 \u00a0 JUEZ CONSTITUCIONAL-No es el llamado a resolver controversia de car\u00e1cter legal\/PENSION DE VEJEZ-R\u00e9gimen de transici\u00f3n \u00a0 Por mandato del art\u00edculo 86, la acci\u00f3n de tutela no esta prevista para dirimir disputas ni para tramitar reclamos en torno a la aplicaci\u00f3n de la ley, como son las circunstancias que este caso suscita. No es el \u00e1mbito propio del juez constitucional, el relativo a las controversias surgidas \u00a0por la interpretaci\u00f3n, aplicaci\u00f3n y ejecuci\u00f3n de normas legales y reglamentarias, a no ser que por tales conceptos resulten afectados o en peligro derechos fundamentales de las personas que demandan, ...<br \/><div class=\"pt-cv-rmwrap\"><a href=\"https:\/\/www.dmsjuridica.com\/buscador_20179478954\/corteconstitucionalcronologico202454587\/t-472-00\/\" class=\"_self pt-cv-readmore btn btn-success\" target=\"_self\">Ver Sentencia Completa...<\/a><\/div><\/div><\/div><\/div>\n<div class=\"col-md-12 col-sm-12 col-xs-12 pt-cv-content-item pt-cv-1-col\" ><div class='pt-cv-ifield'><a href=\"https:\/\/www.dmsjuridica.com\/buscador_20179478954\/corteconstitucionalcronologico202454587\/t-471-00\/\" class=\"_self pt-cv-href-thumbnail pt-cv-thumb-default\" target=\"_self\" ><\/a>\n<div class=\"pt-cv-taxoterm above_title\"><a href='https:\/\/www.dmsjuridica.com\/buscador_20179478954\/corteconstitucionalcronologico202454587\/category\/buscar-en-toda-la-corte\/2000\/tutelas-2000\/' title='Tutelas 2000' class='pt-cv-tax-tutelas-2000'>Tutelas 2000<\/a><\/div>\n<h4 class=\"pt-cv-title\"><a href=\"https:\/\/www.dmsjuridica.com\/buscador_20179478954\/corteconstitucionalcronologico202454587\/t-471-00\/\" class=\"_self\" target=\"_self\" >T-471-00<\/a><\/h4>\n<div class=\"pt-cv-content\">\u00a0 \u00a0 Sentencia T-471\/00 \u00a0 EMPRESA DE MEDICINA PREPAGADA Y USUARIOS-Relaci\u00f3n contractual \u00a0 Sin lugar a dudas y no obstante que su objeto lo constituye la prestaci\u00f3n de un servicio p\u00fablico, nada menos que el de salud, este tipo de relaci\u00f3n entre dos particulares es de car\u00e1cter contractual, lo cual supone que a \u00e9l le son aplicables las normas pertinentes de los c\u00f3digos Civil y Mercantil colombianos, especialmente aquella que obliga a las partes ligadas por el contrato, a ejecutarlo atendiendo a los postulados de la buena fe. Luego, como en cualquier contrato legalmente celebrado, el de medicina prepagada es ...<br \/><div class=\"pt-cv-rmwrap\"><a href=\"https:\/\/www.dmsjuridica.com\/buscador_20179478954\/corteconstitucionalcronologico202454587\/t-471-00\/\" class=\"_self pt-cv-readmore btn btn-success\" target=\"_self\">Ver Sentencia Completa...<\/a><\/div><\/div><\/div><\/div>\n<div class=\"col-md-12 col-sm-12 col-xs-12 pt-cv-content-item pt-cv-1-col\" ><div class='pt-cv-ifield'><a href=\"https:\/\/www.dmsjuridica.com\/buscador_20179478954\/corteconstitucionalcronologico202454587\/t-470-00\/\" class=\"_self pt-cv-href-thumbnail pt-cv-thumb-default\" target=\"_self\" ><\/a>\n<div class=\"pt-cv-taxoterm above_title\"><a href='https:\/\/www.dmsjuridica.com\/buscador_20179478954\/corteconstitucionalcronologico202454587\/category\/buscar-en-toda-la-corte\/2000\/tutelas-2000\/' title='Tutelas 2000' class='pt-cv-tax-tutelas-2000'>Tutelas 2000<\/a><\/div>\n<h4 class=\"pt-cv-title\"><a href=\"https:\/\/www.dmsjuridica.com\/buscador_20179478954\/corteconstitucionalcronologico202454587\/t-470-00\/\" class=\"_self\" target=\"_self\" >T-470-00<\/a><\/h4>\n<div class=\"pt-cv-content\">\u00a0 \u00a0 Sentencia T-470\/00 \u00a0 PRINCIPIO A TRABAJO IGUAL SALARIO IGUAL-Aumento salarial inferior \u00a0 La diferencia salarial existente entre los empleados de una sede frente a los de otra sede, obedece a un criterio razonable y objetivo debidamente expuesto \u00a0y aportado en este proceso por la entidad demandada. La cantidad de servicios prestados por los empleados de la Unidad Ejecutora de Buenaventura, el mayor incremento en la facturaci\u00f3n, y en consecuencia, un mayor volumen de trabajo realizado, permitieron que en su momento, el Director de dicha sede aprobara un aumento en los salarios, soportando tal decisi\u00f3n en las autorizaciones legales, ...<br \/><div class=\"pt-cv-rmwrap\"><a href=\"https:\/\/www.dmsjuridica.com\/buscador_20179478954\/corteconstitucionalcronologico202454587\/t-470-00\/\" class=\"_self pt-cv-readmore btn btn-success\" target=\"_self\">Ver Sentencia Completa...<\/a><\/div><\/div><\/div><\/div>\n<div class=\"col-md-12 col-sm-12 col-xs-12 pt-cv-content-item pt-cv-1-col\" ><div class='pt-cv-ifield'><a href=\"https:\/\/www.dmsjuridica.com\/buscador_20179478954\/corteconstitucionalcronologico202454587\/t-469-00\/\" class=\"_self pt-cv-href-thumbnail pt-cv-thumb-default\" target=\"_self\" ><\/a>\n<div class=\"pt-cv-taxoterm above_title\"><a href='https:\/\/www.dmsjuridica.com\/buscador_20179478954\/corteconstitucionalcronologico202454587\/category\/buscar-en-toda-la-corte\/2000\/tutelas-2000\/' title='Tutelas 2000' class='pt-cv-tax-tutelas-2000'>Tutelas 2000<\/a><\/div>\n<h4 class=\"pt-cv-title\"><a href=\"https:\/\/www.dmsjuridica.com\/buscador_20179478954\/corteconstitucionalcronologico202454587\/t-469-00\/\" class=\"_self\" target=\"_self\" >T-469-00<\/a><\/h4>\n<div class=\"pt-cv-content\">\u00a0 \u00a0 Sentencia T-469\/00 \u00a0 ACCION DE TUTELA CONTRA PROVIDENCIAS JUDICIALES-Improcedencia por existencia de mecanismo de defensa judicial\/RECURSO DE CASACION PENAL-Idoneidad para la protecci\u00f3n de derechos fundamentales \u00a0 En el asunto que ocupa su atenci\u00f3n, contra los fallos penales controvertidos en el proceso de tutela de la referencia, el actor contaba con el recurso extraordinario de casaci\u00f3n para alegar eventuales vicios de nulidad en el juicio penal adelantado en su contra, as\u00ed como la violaci\u00f3n de sus garant\u00edas fundamentales, el cual no utiliz\u00f3, seg\u00fan sus palabras, \u201cpor no inspirarle la m\u00e1s m\u00ednima confianza de imparcialidad del juez de casaci\u00f3n\u201d. La ...<br \/><div class=\"pt-cv-rmwrap\"><a href=\"https:\/\/www.dmsjuridica.com\/buscador_20179478954\/corteconstitucionalcronologico202454587\/t-469-00\/\" class=\"_self pt-cv-readmore btn btn-success\" target=\"_self\">Ver Sentencia Completa...<\/a><\/div><\/div><\/div><\/div>\n<div class=\"col-md-12 col-sm-12 col-xs-12 pt-cv-content-item pt-cv-1-col\" ><div class='pt-cv-ifield'><a href=\"https:\/\/www.dmsjuridica.com\/buscador_20179478954\/corteconstitucionalcronologico202454587\/t-468-00\/\" class=\"_self pt-cv-href-thumbnail pt-cv-thumb-default\" target=\"_self\" ><\/a>\n<div class=\"pt-cv-taxoterm above_title\"><a href='https:\/\/www.dmsjuridica.com\/buscador_20179478954\/corteconstitucionalcronologico202454587\/category\/buscar-en-toda-la-corte\/2000\/tutelas-2000\/' title='Tutelas 2000' class='pt-cv-tax-tutelas-2000'>Tutelas 2000<\/a><\/div>\n<h4 class=\"pt-cv-title\"><a href=\"https:\/\/www.dmsjuridica.com\/buscador_20179478954\/corteconstitucionalcronologico202454587\/t-468-00\/\" class=\"_self\" target=\"_self\" >T-468-00<\/a><\/h4>\n<div class=\"pt-cv-content\">\u00a0 \u00a0 Sentencia T-468\/00 \u00a0 DERECHO AL MINIMO VITAL-Prueba de la amenaza \u00a0 Las accionantes que fueron retiradas de sus trabajos y a los cuales no se les cancelan sus prestaciones sociales, no probaron ni siquiera sumariamente la afectaci\u00f3n de su m\u00ednimo vital, y por lo tanto esta Sala confirma la decisi\u00f3n del Tribunal, en tanto \u00e9ste mantuvo la decisi\u00f3n de primer grado, excepcionando a las citadas demandantes. Es cierto que la Corte ha concedido el amparo tutelar para el pago de prestaciones sociales inclusive cuando el v\u00ednculo laboral ha finalizado, pero siempre y cuando aparezca plenamente comprobada la afectaci\u00f3n ...<br \/><div class=\"pt-cv-rmwrap\"><a href=\"https:\/\/www.dmsjuridica.com\/buscador_20179478954\/corteconstitucionalcronologico202454587\/t-468-00\/\" class=\"_self pt-cv-readmore btn btn-success\" target=\"_self\">Ver Sentencia Completa...<\/a><\/div><\/div><\/div><\/div>\n<div class=\"col-md-12 col-sm-12 col-xs-12 pt-cv-content-item pt-cv-1-col\" ><div class='pt-cv-ifield'><a href=\"https:\/\/www.dmsjuridica.com\/buscador_20179478954\/corteconstitucionalcronologico202454587\/t-467-00\/\" class=\"_self pt-cv-href-thumbnail pt-cv-thumb-default\" target=\"_self\" ><\/a>\n<div class=\"pt-cv-taxoterm above_title\"><a href='https:\/\/www.dmsjuridica.com\/buscador_20179478954\/corteconstitucionalcronologico202454587\/category\/buscar-en-toda-la-corte\/2000\/tutelas-2000\/' title='Tutelas 2000' class='pt-cv-tax-tutelas-2000'>Tutelas 2000<\/a><\/div>\n<h4 class=\"pt-cv-title\"><a href=\"https:\/\/www.dmsjuridica.com\/buscador_20179478954\/corteconstitucionalcronologico202454587\/t-467-00\/\" class=\"_self\" target=\"_self\" >T-467-00<\/a><\/h4>\n<div class=\"pt-cv-content\">\u00a0 \u00a0 Sentencia T-467\/00 \u00a0 LICENCIA DE MATERNIDAD-Alcance\/MUJER TRABAJADORA EMBARAZADA-Protecci\u00f3n constitucional especial \u00a0 MUJER TRABAJADORA EN ESTADO PUERPERAL-Garant\u00eda constitucional a que no se le retrasen sus recursos econ\u00f3micos \u00a0 Resulta de especial importancia reiterar que la garant\u00eda constitucional que se otorga a la mujer trabajadora en estado puerperal persigue, entre otros objetivos, que la entidad promotora o el empleador obligado no retrasen los recursos de car\u00e1cter econ\u00f3mico a que \u00e9sta tiene derecho y que le van a permitir descansar para recuperar su estado notoriamente resquebrajado a causa del embarazo y el parto y atender al reci\u00e9n nacido, de ah\u00ed que ...<br \/><div class=\"pt-cv-rmwrap\"><a href=\"https:\/\/www.dmsjuridica.com\/buscador_20179478954\/corteconstitucionalcronologico202454587\/t-467-00\/\" class=\"_self pt-cv-readmore btn btn-success\" target=\"_self\">Ver Sentencia Completa...<\/a><\/div><\/div><\/div><\/div>\n<div class=\"col-md-12 col-sm-12 col-xs-12 pt-cv-content-item pt-cv-1-col\" ><div class='pt-cv-ifield'><a href=\"https:\/\/www.dmsjuridica.com\/buscador_20179478954\/corteconstitucionalcronologico202454587\/t-466-00\/\" class=\"_self pt-cv-href-thumbnail pt-cv-thumb-default\" target=\"_self\" ><\/a>\n<div class=\"pt-cv-taxoterm above_title\"><a href='https:\/\/www.dmsjuridica.com\/buscador_20179478954\/corteconstitucionalcronologico202454587\/category\/buscar-en-toda-la-corte\/2000\/tutelas-2000\/' title='Tutelas 2000' class='pt-cv-tax-tutelas-2000'>Tutelas 2000<\/a><\/div>\n<h4 class=\"pt-cv-title\"><a href=\"https:\/\/www.dmsjuridica.com\/buscador_20179478954\/corteconstitucionalcronologico202454587\/t-466-00\/\" class=\"_self\" target=\"_self\" >T-466-00<\/a><\/h4>\n<div class=\"pt-cv-content\">\u00a0 \u00a0 Sentencia T-466\/00 \u00a0 LICENCIA DE MATERNIDAD-Objeto \u00a0 La Corte ha considerado que la licencia de maternidad tiene por objeto, adem\u00e1s de conceder a la madre un descanso que le permita recuperar su estado notoriamente resquebrajado como consecuencia del embarazo y el parto, brindarle al reci\u00e9n nacido la oportunidad de recibir los cuidados que s\u00f3lo su madre puede prodigarle. Se ha dicho que, para el cumplimiento de estos objetivos, la existencia de recursos que garanticen la subsistencia de la madre y el ni\u00f1o son indispensables porque solo as\u00ed la madre puede suspender sus actividades laborales, para dedicarse exclusivamente a ...<br \/><div class=\"pt-cv-rmwrap\"><a href=\"https:\/\/www.dmsjuridica.com\/buscador_20179478954\/corteconstitucionalcronologico202454587\/t-466-00\/\" class=\"_self pt-cv-readmore btn btn-success\" target=\"_self\">Ver Sentencia Completa...<\/a><\/div><\/div><\/div><\/div>\n<div class=\"col-md-12 col-sm-12 col-xs-12 pt-cv-content-item pt-cv-1-col\" ><div class='pt-cv-ifield'><a href=\"https:\/\/www.dmsjuridica.com\/buscador_20179478954\/corteconstitucionalcronologico202454587\/t-465-00\/\" class=\"_self pt-cv-href-thumbnail pt-cv-thumb-default\" target=\"_self\" ><\/a>\n<div class=\"pt-cv-taxoterm above_title\"><a href='https:\/\/www.dmsjuridica.com\/buscador_20179478954\/corteconstitucionalcronologico202454587\/category\/buscar-en-toda-la-corte\/2000\/tutelas-2000\/' title='Tutelas 2000' class='pt-cv-tax-tutelas-2000'>Tutelas 2000<\/a><\/div>\n<h4 class=\"pt-cv-title\"><a href=\"https:\/\/www.dmsjuridica.com\/buscador_20179478954\/corteconstitucionalcronologico202454587\/t-465-00\/\" class=\"_self\" target=\"_self\" >T-465-00<\/a><\/h4>\n<div class=\"pt-cv-content\">\u00a0 \u00a0 Sentencia T-465\/00 \u00a0 ACCION DE TUTELA CONTRA ENTIDAD FINANCIERA-Procedencia por prestaci\u00f3n de servicio p\u00fablico \u00a0 PRINCIPIO DE PRECLUSION DE OPORTUNIDAD-Alcance \u00a0 No cabe duda sobre la naturaleza residual de la acci\u00f3n de tutela y de la imposibilidad de su utilizaci\u00f3n en contra del principio de \u201cpreclusi\u00f3n de la oportunidad\u201d, ya que dicha acci\u00f3n no est\u00e1 llamada a subsanar los errores en que incurren quienes no utilicen las oportunidades procesales, mas cuando la naturaleza de los derechos como la de los que nos ocupan, permite su disposici\u00f3n y por tanto, su renuncia. \u00a0 PROCESO DE LIQUIDACION OBLIGATORIA-Solicitud extempor\u00e1nea de ...<br \/><div class=\"pt-cv-rmwrap\"><a href=\"https:\/\/www.dmsjuridica.com\/buscador_20179478954\/corteconstitucionalcronologico202454587\/t-465-00\/\" class=\"_self pt-cv-readmore btn btn-success\" target=\"_self\">Ver Sentencia Completa...<\/a><\/div><\/div><\/div><\/div>\n<div class=\"col-md-12 col-sm-12 col-xs-12 pt-cv-content-item pt-cv-1-col\" ><div class='pt-cv-ifield'><a href=\"https:\/\/www.dmsjuridica.com\/buscador_20179478954\/corteconstitucionalcronologico202454587\/t-464-00\/\" class=\"_self pt-cv-href-thumbnail pt-cv-thumb-default\" target=\"_self\" ><\/a>\n<div class=\"pt-cv-taxoterm above_title\"><a href='https:\/\/www.dmsjuridica.com\/buscador_20179478954\/corteconstitucionalcronologico202454587\/category\/buscar-en-toda-la-corte\/2000\/tutelas-2000\/' title='Tutelas 2000' class='pt-cv-tax-tutelas-2000'>Tutelas 2000<\/a><\/div>\n<h4 class=\"pt-cv-title\"><a href=\"https:\/\/www.dmsjuridica.com\/buscador_20179478954\/corteconstitucionalcronologico202454587\/t-464-00\/\" class=\"_self\" target=\"_self\" >T-464-00<\/a><\/h4>\n<div class=\"pt-cv-content\">\u00a0 \u00a0 Sentencia T-464\/00 \u00a0 ACCION DE TUTELA CONTRA PARTICULARES-Prestaci\u00f3n de servicio p\u00fablico de salud \u00a0 Aun siendo privada la entidad contra la que se dirige la tutela, se acepta su procedencia, a partir del estado de indefensi\u00f3n en que se encuentra la \u00a0actora ante la entidad que no le cancela oportunamente lo que corresponde a sus mesadas. \u00a0 ESTABLECIMIENTO HOSPITALARIO-Situaci\u00f3n econ\u00f3mica o presupuestal no es \u00f3bice para desconocer obligaciones laborales\/ESTABLECIMIENTO HOSPITALARIO-Pago de acreencias laborales \u00a0 La Sala estima vulnerados derechos fundamentales prevalentes y, en consecuencia, conceder\u00e1 la tutela, ordenando al Gerente Liquidador del Hospital que, en un t\u00e9rmino no ...<br \/><div class=\"pt-cv-rmwrap\"><a href=\"https:\/\/www.dmsjuridica.com\/buscador_20179478954\/corteconstitucionalcronologico202454587\/t-464-00\/\" class=\"_self pt-cv-readmore btn btn-success\" target=\"_self\">Ver Sentencia Completa...<\/a><\/div><\/div><\/div><\/div>\n<div class=\"col-md-12 col-sm-12 col-xs-12 pt-cv-content-item pt-cv-1-col\" ><div class='pt-cv-ifield'><a href=\"https:\/\/www.dmsjuridica.com\/buscador_20179478954\/corteconstitucionalcronologico202454587\/t-463-00\/\" class=\"_self pt-cv-href-thumbnail pt-cv-thumb-default\" target=\"_self\" ><\/a>\n<div class=\"pt-cv-taxoterm above_title\"><a href='https:\/\/www.dmsjuridica.com\/buscador_20179478954\/corteconstitucionalcronologico202454587\/category\/buscar-en-toda-la-corte\/2000\/tutelas-2000\/' title='Tutelas 2000' class='pt-cv-tax-tutelas-2000'>Tutelas 2000<\/a><\/div>\n<h4 class=\"pt-cv-title\"><a href=\"https:\/\/www.dmsjuridica.com\/buscador_20179478954\/corteconstitucionalcronologico202454587\/t-463-00\/\" class=\"_self\" target=\"_self\" >T-463-00<\/a><\/h4>\n<div class=\"pt-cv-content\">\u00a0 \u00a0 Sentencia T-463\/00 \u00a0 DERECHO A LA IGUALDAD EN REGIMEN DE CESANTIAS PARCIALES-Cambio de legislaci\u00f3n \u00a0 La posibilidad de acogerse a un determinado r\u00e9gimen de cesant\u00edas, ata\u00f1e \u00fanica y exclusivamente a la voluntad del trabajador, que tenga contrato vigente desde antes de la entrada en vigencia de la ley 50 de 1990. As\u00ed, cualquier actuaci\u00f3n del empleador, incluso conductas omisivas que busquen inducir bajo presi\u00f3n o coacci\u00f3n la voluntad de los trabajadores para que cambien a un r\u00e9gimen diferente, bajo la amenaza o desmejoramiento de sus condiciones laborales, atenta de forma directa contra el derecho fundamental al trabajo en ...<br \/><div class=\"pt-cv-rmwrap\"><a href=\"https:\/\/www.dmsjuridica.com\/buscador_20179478954\/corteconstitucionalcronologico202454587\/t-463-00\/\" class=\"_self pt-cv-readmore btn btn-success\" target=\"_self\">Ver Sentencia Completa...<\/a><\/div><\/div><\/div><\/div>\n<div class=\"col-md-12 col-sm-12 col-xs-12 pt-cv-content-item pt-cv-1-col\" ><div class='pt-cv-ifield'><a href=\"https:\/\/www.dmsjuridica.com\/buscador_20179478954\/corteconstitucionalcronologico202454587\/t-462-00\/\" class=\"_self pt-cv-href-thumbnail pt-cv-thumb-default\" target=\"_self\" ><\/a>\n<div class=\"pt-cv-taxoterm above_title\"><a href='https:\/\/www.dmsjuridica.com\/buscador_20179478954\/corteconstitucionalcronologico202454587\/category\/buscar-en-toda-la-corte\/2000\/tutelas-2000\/' title='Tutelas 2000' class='pt-cv-tax-tutelas-2000'>Tutelas 2000<\/a><\/div>\n<h4 class=\"pt-cv-title\"><a href=\"https:\/\/www.dmsjuridica.com\/buscador_20179478954\/corteconstitucionalcronologico202454587\/t-462-00\/\" class=\"_self\" target=\"_self\" >T-462-00<\/a><\/h4>\n<div class=\"pt-cv-content\">ACCION DE TUTELA-Procedencia excepcional pago de acreencias laborales \u00a0 Reiteraci\u00f3n de Jurisprudencia \u00a0 Referencia: expediente T-269646 \u00a0 Acci\u00f3n de tutela instaurada por Wilfrifo Polo Castro contra la empresa de Acueducto y Alcantarillado del Municipio de Sabanalarga, Atl\u00e1ntico. \u00a0 Magistrado Ponente: \u00a0 Dr. ALVARO TAFUR GALVIS. \u00a0 Santaf\u00e9 de Bogot\u00e1 D.C., mayo dos (2) de dos mil (2000). \u00a0 La Sala Novena de Revisi\u00f3n de la Corte Constitucional, \u00a0en ejercicio de sus competencias constitucionales y legales, ha proferido la siguiente, \u00a0 SENTENCIA \u00a0 en el proceso de revisi\u00f3n del fallo adoptado por el Juzgado Segundo Promiscuo del Circuito de Sabanalarga, Atl\u00e1ntico, ...<br \/><div class=\"pt-cv-rmwrap\"><a href=\"https:\/\/www.dmsjuridica.com\/buscador_20179478954\/corteconstitucionalcronologico202454587\/t-462-00\/\" class=\"_self pt-cv-readmore btn btn-success\" target=\"_self\">Ver Sentencia Completa...<\/a><\/div><\/div><\/div><\/div>\n<div class=\"col-md-12 col-sm-12 col-xs-12 pt-cv-content-item pt-cv-1-col\" ><div class='pt-cv-ifield'><a href=\"https:\/\/www.dmsjuridica.com\/buscador_20179478954\/corteconstitucionalcronologico202454587\/t-461-00\/\" class=\"_self pt-cv-href-thumbnail pt-cv-thumb-default\" target=\"_self\" ><\/a>\n<div class=\"pt-cv-taxoterm above_title\"><a href='https:\/\/www.dmsjuridica.com\/buscador_20179478954\/corteconstitucionalcronologico202454587\/category\/buscar-en-toda-la-corte\/2000\/tutelas-2000\/' title='Tutelas 2000' class='pt-cv-tax-tutelas-2000'>Tutelas 2000<\/a><\/div>\n<h4 class=\"pt-cv-title\"><a href=\"https:\/\/www.dmsjuridica.com\/buscador_20179478954\/corteconstitucionalcronologico202454587\/t-461-00\/\" class=\"_self\" target=\"_self\" >T-461-00<\/a><\/h4>\n<div class=\"pt-cv-content\">\u00a0 \u00a0 Sentencia T-461\/00 \u00a0 DERECHO AL PAGO OPORTUNO DE LA PENSION-Ingreso fundamental para la susbsistencia del trabajador y la familia \u00a0 Reiteraci\u00f3n de Jurisprudencia \u00a0 Referencia: expediente T-269655 \u00a0 Acci\u00f3n de tutela instaurada por Gerardo Rodriguez Ruales contra Acer\u00edas Paz del R\u00edo S.A. \u00a0 Magistrado ponente: \u00a0 Dr. ALVARO TAFUR GALVIS \u00a0 Santa Fe de Bogot\u00e1 D.C., a los dos (2) d\u00edas del mes de mayo de dos mil (2000). \u00a0 La Sala Novena de Revisi\u00f3n de la Corte Constitucional, en ejercicio de sus competencias constitucionales y legales, espec\u00edficamente las previstas en los art\u00edculos 86 y 241, numeral 9, ...<br \/><div class=\"pt-cv-rmwrap\"><a href=\"https:\/\/www.dmsjuridica.com\/buscador_20179478954\/corteconstitucionalcronologico202454587\/t-461-00\/\" class=\"_self pt-cv-readmore btn btn-success\" target=\"_self\">Ver Sentencia Completa...<\/a><\/div><\/div><\/div><\/div>\n<div class=\"col-md-12 col-sm-12 col-xs-12 pt-cv-content-item pt-cv-1-col\" ><div class='pt-cv-ifield'><a href=\"https:\/\/www.dmsjuridica.com\/buscador_20179478954\/corteconstitucionalcronologico202454587\/t-460-00\/\" class=\"_self pt-cv-href-thumbnail pt-cv-thumb-default\" target=\"_self\" ><\/a>\n<div class=\"pt-cv-taxoterm above_title\"><a href='https:\/\/www.dmsjuridica.com\/buscador_20179478954\/corteconstitucionalcronologico202454587\/category\/buscar-en-toda-la-corte\/2000\/tutelas-2000\/' title='Tutelas 2000' class='pt-cv-tax-tutelas-2000'>Tutelas 2000<\/a><\/div>\n<h4 class=\"pt-cv-title\"><a href=\"https:\/\/www.dmsjuridica.com\/buscador_20179478954\/corteconstitucionalcronologico202454587\/t-460-00\/\" class=\"_self\" target=\"_self\" >T-460-00<\/a><\/h4>\n<div class=\"pt-cv-content\">\u00a0 \u00a0 Sentencia T-460\/00 \u00a0 ACCION DE TUTELA-Hecho superado \u00a0 Reiteraci\u00f3n de Jurisprudencia \u00a0 Referencia: expediente 267511 \u00a0 Acci\u00f3n de tutela instaurada por Mar\u00eda Celina Restrepo Velez contra el Instituto de Seguro Social. \u00a0 Magistrado ponente: \u00a0 Dr. ALVARO TAFUR GALVIS \u00a0 Santaf\u00e9 de Bogot\u00e1 D.C., dos (2) d\u00edas del mes de mayo de dos mil (2000). \u00a0 La Sala Novena de Revisi\u00f3n de la Corte Constitucional, en ejercicio de sus competencias constitucionales y legales, espec\u00edficamente las previstas en los art\u00edculos 86 y 241, numeral 9, de la Constituci\u00f3n Pol\u00edtica y en el Decreto 2591 de 1991, ha proferido la ...<br \/><div class=\"pt-cv-rmwrap\"><a href=\"https:\/\/www.dmsjuridica.com\/buscador_20179478954\/corteconstitucionalcronologico202454587\/t-460-00\/\" class=\"_self pt-cv-readmore btn btn-success\" target=\"_self\">Ver Sentencia Completa...<\/a><\/div><\/div><\/div><\/div>\n<div class=\"col-md-12 col-sm-12 col-xs-12 pt-cv-content-item pt-cv-1-col\" ><div class='pt-cv-ifield'><a href=\"https:\/\/www.dmsjuridica.com\/buscador_20179478954\/corteconstitucionalcronologico202454587\/t-459-00\/\" class=\"_self pt-cv-href-thumbnail pt-cv-thumb-default\" target=\"_self\" ><\/a>\n<div class=\"pt-cv-taxoterm above_title\"><a href='https:\/\/www.dmsjuridica.com\/buscador_20179478954\/corteconstitucionalcronologico202454587\/category\/buscar-en-toda-la-corte\/2000\/tutelas-2000\/' title='Tutelas 2000' class='pt-cv-tax-tutelas-2000'>Tutelas 2000<\/a><\/div>\n<h4 class=\"pt-cv-title\"><a href=\"https:\/\/www.dmsjuridica.com\/buscador_20179478954\/corteconstitucionalcronologico202454587\/t-459-00\/\" class=\"_self\" target=\"_self\" >T-459-00<\/a><\/h4>\n<div class=\"pt-cv-content\">\u00a0 \u00a0 Sentencia T-459\/00 \u00a0 DERECHO AL MINIMO VITAL-Pago oportuno de mesadas pensionales\/FONDO NACIONAL DE PENSIONES Y ENTIDADES TERRITORIALES-Cuenta destinada al pago de mesadas atrasadas \u00a0 Debe ampararse el derecho al m\u00ednimo vital de los actores, toda vez que dependen de \u00e9stos ingresos para atender sus necesidades b\u00e1sicas. Por ende, se conceder\u00e1 la tutela respecto de las mesadas pensionales adeudadas, ordenando al Departamento su cancelaci\u00f3n en el t\u00e9rmino de quince d\u00edas posteriores a la notificaci\u00f3n de esta providencia. Igualmente, se advierte al Departamento del Atl\u00e1ntico, que podr\u00e1 hacer uso \u00a0del mecanismo dispuesto en la ley 549 de 1999 mediante la ...<br \/><div class=\"pt-cv-rmwrap\"><a href=\"https:\/\/www.dmsjuridica.com\/buscador_20179478954\/corteconstitucionalcronologico202454587\/t-459-00\/\" class=\"_self pt-cv-readmore btn btn-success\" target=\"_self\">Ver Sentencia Completa...<\/a><\/div><\/div><\/div><\/div>\n<div class=\"col-md-12 col-sm-12 col-xs-12 pt-cv-content-item pt-cv-1-col\" ><div class='pt-cv-ifield'><a href=\"https:\/\/www.dmsjuridica.com\/buscador_20179478954\/corteconstitucionalcronologico202454587\/t-458-00\/\" class=\"_self pt-cv-href-thumbnail pt-cv-thumb-default\" target=\"_self\" ><\/a>\n<div class=\"pt-cv-taxoterm above_title\"><a href='https:\/\/www.dmsjuridica.com\/buscador_20179478954\/corteconstitucionalcronologico202454587\/category\/buscar-en-toda-la-corte\/2000\/tutelas-2000\/' title='Tutelas 2000' class='pt-cv-tax-tutelas-2000'>Tutelas 2000<\/a><\/div>\n<h4 class=\"pt-cv-title\"><a href=\"https:\/\/www.dmsjuridica.com\/buscador_20179478954\/corteconstitucionalcronologico202454587\/t-458-00\/\" class=\"_self\" target=\"_self\" >T-458-00<\/a><\/h4>\n<div class=\"pt-cv-content\">\u00a0 \u00a0 Sentencia T-458\/00 \u00a0 PRINCIPIO A TRABAJO IGUAL SALARIO IGUAL \u00a0 Reiteraci\u00f3n de Jurisprudencia \u00a0 Referencia: expediente T-269324 \u00a0 Acci\u00f3n de tutela instaurada por Jes\u00fas Alirio de la Cruz Quintero y otros contra el Alcalde Municipal de Tangua (Nari\u00f1o). \u00a0 Magistrado ponente: \u00a0 ALVARO TAFUR GALVIS \u00a0 Santaf\u00e9 de Bogot\u00e1 D.C., a los dos (2) d\u00edas del mes de mayo de dos mil (2000). \u00a0 La Sala Novena de Revisi\u00f3n de la Corte Constitucional, en ejercicio de sus competencias constitucionales y legales, en particular las contenidas en los art\u00edculos 86 y 241, numeral 9, de la Constituci\u00f3n y en ...<br \/><div class=\"pt-cv-rmwrap\"><a href=\"https:\/\/www.dmsjuridica.com\/buscador_20179478954\/corteconstitucionalcronologico202454587\/t-458-00\/\" class=\"_self pt-cv-readmore btn btn-success\" target=\"_self\">Ver Sentencia Completa...<\/a><\/div><\/div><\/div><\/div>\n<div class=\"col-md-12 col-sm-12 col-xs-12 pt-cv-content-item pt-cv-1-col\" ><div class='pt-cv-ifield'><a href=\"https:\/\/www.dmsjuridica.com\/buscador_20179478954\/corteconstitucionalcronologico202454587\/t-457-00\/\" class=\"_self pt-cv-href-thumbnail pt-cv-thumb-default\" target=\"_self\" ><\/a>\n<div class=\"pt-cv-taxoterm above_title\"><a href='https:\/\/www.dmsjuridica.com\/buscador_20179478954\/corteconstitucionalcronologico202454587\/category\/buscar-en-toda-la-corte\/2000\/tutelas-2000\/' title='Tutelas 2000' class='pt-cv-tax-tutelas-2000'>Tutelas 2000<\/a><\/div>\n<h4 class=\"pt-cv-title\"><a href=\"https:\/\/www.dmsjuridica.com\/buscador_20179478954\/corteconstitucionalcronologico202454587\/t-457-00\/\" class=\"_self\" target=\"_self\" >T-457-00<\/a><\/h4>\n<div class=\"pt-cv-content\">\u00a0 \u00a0 Sentencia T-457\/00 \u00a0 ACCION DE TUTELA-Hecho superado \u00a0 Referencia: expediente T-271020 \u00a0 Acci\u00f3n de tutela instaurada por Jorge Emilio Hoyos \u00a0contra el Instituto de Seguro Social. \u00a0 Magistrado ponente: \u00a0 Dr. ALVARO TAFUR GALVIS \u00a0 Santa Fe de Bogot\u00e1 D.C., a los dos (2) d\u00edas del mes de mayo de dos mil (2000). \u00a0 La Sala Novena de Revisi\u00f3n de la Corte Constitucional, en ejercicio de sus competencias constitucionales y legales, espec\u00edficamente las previstas en los art\u00edculos 86 y 241, numeral 9, de la Constituci\u00f3n Pol\u00edtica y en el Decreto 2591 de 1.991, ha proferido la siguiente, \u00a0 ...<br \/><div class=\"pt-cv-rmwrap\"><a href=\"https:\/\/www.dmsjuridica.com\/buscador_20179478954\/corteconstitucionalcronologico202454587\/t-457-00\/\" class=\"_self pt-cv-readmore btn btn-success\" target=\"_self\">Ver Sentencia Completa...<\/a><\/div><\/div><\/div><\/div>\n<div class=\"col-md-12 col-sm-12 col-xs-12 pt-cv-content-item pt-cv-1-col\" ><div class='pt-cv-ifield'><a href=\"https:\/\/www.dmsjuridica.com\/buscador_20179478954\/corteconstitucionalcronologico202454587\/t-456-00\/\" class=\"_self pt-cv-href-thumbnail pt-cv-thumb-default\" target=\"_self\" ><\/a>\n<div class=\"pt-cv-taxoterm above_title\"><a href='https:\/\/www.dmsjuridica.com\/buscador_20179478954\/corteconstitucionalcronologico202454587\/category\/buscar-en-toda-la-corte\/2000\/tutelas-2000\/' title='Tutelas 2000' class='pt-cv-tax-tutelas-2000'>Tutelas 2000<\/a><\/div>\n<h4 class=\"pt-cv-title\"><a href=\"https:\/\/www.dmsjuridica.com\/buscador_20179478954\/corteconstitucionalcronologico202454587\/t-456-00\/\" class=\"_self\" target=\"_self\" >T-456-00<\/a><\/h4>\n<div class=\"pt-cv-content\">\u00a0 \u00a0 Sentencia T-456\/00 \u00a0 DERECHO AL MINIMO VITAL DEL PENSIONADO-Pago oportuno de mesadas\/ACCION DE TUTELA-Carencia actual de objeto \u00a0 Reiteraci\u00f3n de Jurisprudencia \u00a0 Referencia: expediente T-268156 \u00a0 Acci\u00f3n de tutela instaurada por Manuel Dolores Barbosa y otros contra el Municipio de Guadalajara de Buga, Valle. \u00a0 Magistrado Ponente: \u00a0 Dr. ALVARO TAFUR GALVIS \u00a0 Santaf\u00e9 de Bogot\u00e1 D.C., dos (2) d\u00edas del mes de mayo de dos mil (2000). \u00a0 La Sala Novena de Revisi\u00f3n de la Corte Constitucional, en ejercicio de sus competencias constitucionales y legales, espec\u00edficamente las previstas en los art\u00edculos 86 y 241, numeral 9, de ...<br \/><div class=\"pt-cv-rmwrap\"><a href=\"https:\/\/www.dmsjuridica.com\/buscador_20179478954\/corteconstitucionalcronologico202454587\/t-456-00\/\" class=\"_self pt-cv-readmore btn btn-success\" target=\"_self\">Ver Sentencia Completa...<\/a><\/div><\/div><\/div><\/div>\n<div class=\"col-md-12 col-sm-12 col-xs-12 pt-cv-content-item pt-cv-1-col\" ><div class='pt-cv-ifield'><a href=\"https:\/\/www.dmsjuridica.com\/buscador_20179478954\/corteconstitucionalcronologico202454587\/t-455-00\/\" class=\"_self pt-cv-href-thumbnail pt-cv-thumb-default\" target=\"_self\" ><\/a>\n<div class=\"pt-cv-taxoterm above_title\"><a href='https:\/\/www.dmsjuridica.com\/buscador_20179478954\/corteconstitucionalcronologico202454587\/category\/buscar-en-toda-la-corte\/2000\/tutelas-2000\/' title='Tutelas 2000' class='pt-cv-tax-tutelas-2000'>Tutelas 2000<\/a><\/div>\n<h4 class=\"pt-cv-title\"><a href=\"https:\/\/www.dmsjuridica.com\/buscador_20179478954\/corteconstitucionalcronologico202454587\/t-455-00\/\" class=\"_self\" target=\"_self\" >T-455-00<\/a><\/h4>\n<div class=\"pt-cv-content\">\u00a0 \u00a0 Sentencia T-455\/00 \u00a0 CONCURSO DE MERITOS-Nombramiento de quien obtuvo primer puesto \u00a0 PRINCIPIO DE LA BUENA FE EN CARRERA-Nombramiento de quien obtuvo primer puesto\/CONCURSO DE MERITOS-Carencia actual de objeto \u00a0 Referencia: expediente T-264979 \u00a0 Acci\u00f3n de tutela instaurada por Augusto Qui\u00f1ones Castillo contra el Alcalde Municipal de Francisco Pizarro (Nari\u00f1o). \u00a0 Magistrado Ponente: \u00a0 Dr. JOS\u00c9 GREGORIO HERN\u00c1NDEZ GALINDO \u00a0 Santa Fe de Bogot\u00e1, D.C., veintisiete (27) d\u00edas de abril de dos mil (2000). \u00a0 La Sala Quinta de Revisi\u00f3n de la Corte Constitucional, en ejercicio de sus competencias constitucionales y legales, espec\u00edficamente las previstas en los art\u00edculos ...<br \/><div class=\"pt-cv-rmwrap\"><a href=\"https:\/\/www.dmsjuridica.com\/buscador_20179478954\/corteconstitucionalcronologico202454587\/t-455-00\/\" class=\"_self pt-cv-readmore btn btn-success\" target=\"_self\">Ver Sentencia Completa...<\/a><\/div><\/div><\/div><\/div>\n<div class=\"col-md-12 col-sm-12 col-xs-12 pt-cv-content-item pt-cv-1-col\" ><div class='pt-cv-ifield'><a href=\"https:\/\/www.dmsjuridica.com\/buscador_20179478954\/corteconstitucionalcronologico202454587\/t-454-00\/\" class=\"_self pt-cv-href-thumbnail pt-cv-thumb-default\" target=\"_self\" ><\/a>\n<div class=\"pt-cv-taxoterm above_title\"><a href='https:\/\/www.dmsjuridica.com\/buscador_20179478954\/corteconstitucionalcronologico202454587\/category\/buscar-en-toda-la-corte\/2000\/tutelas-2000\/' title='Tutelas 2000' class='pt-cv-tax-tutelas-2000'>Tutelas 2000<\/a><\/div>\n<h4 class=\"pt-cv-title\"><a href=\"https:\/\/www.dmsjuridica.com\/buscador_20179478954\/corteconstitucionalcronologico202454587\/t-454-00\/\" class=\"_self\" target=\"_self\" >T-454-00<\/a><\/h4>\n<div class=\"pt-cv-content\">\u00a0 \u00a0 Sentencia T-454\/00 \u00a0 ACCION DE TUTELA-Improcedencia para establecer responsabilidad solidaria de obligaci\u00f3n patrimonial \u00a0 DERECHO A LA VIDA DIGNA DEL PENSIONADO-Pago oportuno de mesadas por compa\u00f1\u00eda de inversiones de Flota Mercante \u00a0 JUEZ CONSTITUCIONAL-Funci\u00f3n primordial\/CONMUTACION PENSIONAL-Compa\u00f1\u00eda de Inversiones de Flota Mercante \u00a0 CONMUTACION PENSIONAL-Dilataci\u00f3n por compa\u00f1\u00eda de inversiones de Flota Mercante que afecta derechos de jubilados\/DERECHO A LA VIDA DIGNA-Pago oportuno de mesadas pensionales por compa\u00f1\u00eda de Inversiones de Flota Mercante\/CONMUTACION PENSIONAL-Procedimientos, estudios y propuestas para la efectivida no pueden afectar pago oportuno de mesadas\u00a0 \u00a0 SENTENCIA DE REVISION DE TUTELA-Plazo de cumplimiento distinto atendiendo n\u00famero de demandantes ...<br \/><div class=\"pt-cv-rmwrap\"><a href=\"https:\/\/www.dmsjuridica.com\/buscador_20179478954\/corteconstitucionalcronologico202454587\/t-454-00\/\" class=\"_self pt-cv-readmore btn btn-success\" target=\"_self\">Ver Sentencia Completa...<\/a><\/div><\/div><\/div><\/div>\n<div class=\"col-md-12 col-sm-12 col-xs-12 pt-cv-content-item pt-cv-1-col\" ><div class='pt-cv-ifield'><a href=\"https:\/\/www.dmsjuridica.com\/buscador_20179478954\/corteconstitucionalcronologico202454587\/t-453-00\/\" class=\"_self pt-cv-href-thumbnail pt-cv-thumb-default\" target=\"_self\" ><\/a>\n<div class=\"pt-cv-taxoterm above_title\"><a href='https:\/\/www.dmsjuridica.com\/buscador_20179478954\/corteconstitucionalcronologico202454587\/category\/buscar-en-toda-la-corte\/2000\/tutelas-2000\/' title='Tutelas 2000' class='pt-cv-tax-tutelas-2000'>Tutelas 2000<\/a><\/div>\n<h4 class=\"pt-cv-title\"><a href=\"https:\/\/www.dmsjuridica.com\/buscador_20179478954\/corteconstitucionalcronologico202454587\/t-453-00\/\" class=\"_self\" target=\"_self\" >T-453-00<\/a><\/h4>\n<div class=\"pt-cv-content\">ESTATUTO TRIBUTARIO PARA IMPUESTOS DEL ORDEN NACIONAL-Aplicaci\u00f3n a municipios y departamentos \u00a0 En efecto, la aplicaci\u00f3n de las normas procedimentales establecidas en el Estatuto Tributario para los impuestos del orden nacional a las entidades territoriales, tiene como finalidad la unificaci\u00f3n a nivel nacional del r\u00e9gimen procedimental, lo cual no excluye las reglamentaciones expedidas por las Asambleas Departamentales y por los Concejos Distritales y Municipales en relaci\u00f3n con los tributos y contribuciones que ellos administran, de conformidad con lo dispuesto en los art\u00edculos 300 y 313 de la Carta. Ello al contrario de lo afirmado por los demandantes, constituye cabal desarrollo ...<br \/><div class=\"pt-cv-rmwrap\"><a href=\"https:\/\/www.dmsjuridica.com\/buscador_20179478954\/corteconstitucionalcronologico202454587\/t-453-00\/\" class=\"_self pt-cv-readmore btn btn-success\" target=\"_self\">Ver Sentencia Completa...<\/a><\/div><\/div><\/div><\/div>\n<div class=\"col-md-12 col-sm-12 col-xs-12 pt-cv-content-item pt-cv-1-col\" ><div class='pt-cv-ifield'><a href=\"https:\/\/www.dmsjuridica.com\/buscador_20179478954\/corteconstitucionalcronologico202454587\/t-452-00\/\" class=\"_self pt-cv-href-thumbnail pt-cv-thumb-default\" target=\"_self\" ><\/a>\n<div class=\"pt-cv-taxoterm above_title\"><a href='https:\/\/www.dmsjuridica.com\/buscador_20179478954\/corteconstitucionalcronologico202454587\/category\/buscar-en-toda-la-corte\/2000\/tutelas-2000\/' title='Tutelas 2000' class='pt-cv-tax-tutelas-2000'>Tutelas 2000<\/a><\/div>\n<h4 class=\"pt-cv-title\"><a href=\"https:\/\/www.dmsjuridica.com\/buscador_20179478954\/corteconstitucionalcronologico202454587\/t-452-00\/\" class=\"_self\" target=\"_self\" >T-452-00<\/a><\/h4>\n<div class=\"pt-cv-content\">\u00a0 \u00a0 Sentencia T-452\/00 \u00a0 ACCION DE TUTELA CONTRA PRESIDENTE DE SINDICATO \u00a0 Los demandantes no se encuentran en estado de indefensi\u00f3n o subordinaci\u00f3n frente al Presidente de la Seccional demandando. \u00a0 Referencia: expediente T-247.307. \u00a0 Acci\u00f3n de tutela instaurada por Edgar Tiberio Silva Dur\u00e1n, Ricardo Orjuela Santamar\u00eda y Esmeralda Vargas Espinel contra Reynaldo Moreno Porras, Presidente de Sintracreditario, Seccional Santander. \u00a0 Magistrado Ponente: \u00a0 Dr. ALFREDO BELTR\u00c1N SIERRA. \u00a0 Santaf\u00e9 de Bogot\u00e1, D.C., a los veintisiete (27) d\u00edas del mes de abril del a\u00f1o dos mil (2000).\u00a0 \u00a0 La Sala Segunda de Revisi\u00f3n de la Corte Constitucional, integrada por ...<br \/><div class=\"pt-cv-rmwrap\"><a href=\"https:\/\/www.dmsjuridica.com\/buscador_20179478954\/corteconstitucionalcronologico202454587\/t-452-00\/\" class=\"_self pt-cv-readmore btn btn-success\" target=\"_self\">Ver Sentencia Completa...<\/a><\/div><\/div><\/div><\/div>\n<div class=\"col-md-12 col-sm-12 col-xs-12 pt-cv-content-item pt-cv-1-col\" ><div class='pt-cv-ifield'><a href=\"https:\/\/www.dmsjuridica.com\/buscador_20179478954\/corteconstitucionalcronologico202454587\/t-451-00\/\" class=\"_self pt-cv-href-thumbnail pt-cv-thumb-default\" target=\"_self\" ><\/a>\n<div class=\"pt-cv-taxoterm above_title\"><a href='https:\/\/www.dmsjuridica.com\/buscador_20179478954\/corteconstitucionalcronologico202454587\/category\/buscar-en-toda-la-corte\/2000\/tutelas-2000\/' title='Tutelas 2000' class='pt-cv-tax-tutelas-2000'>Tutelas 2000<\/a><\/div>\n<h4 class=\"pt-cv-title\"><a href=\"https:\/\/www.dmsjuridica.com\/buscador_20179478954\/corteconstitucionalcronologico202454587\/t-451-00\/\" class=\"_self\" target=\"_self\" >T-451-00<\/a><\/h4>\n<div class=\"pt-cv-content\">\u00a0 \u00a0 Sentencia T-451\/00 \u00a0 SUCESION-No hay raz\u00f3n para suspensi\u00f3n del proceso cuando est\u00e1 en curso proceso de mejoras \u00a0 No encuentra esta Sala una raz\u00f3n que justifique la suspensi\u00f3n del proceso sucesorio iniciado por los actores hace m\u00e1s de doce a\u00f1os, pues es claro que lo que se discute y llegue a decidir \u00a0en el proceso ordinario, \u00a0en el que los jueces de instancia basaron esa decisi\u00f3n, en nada afecta la partici\u00f3n que en \u00e9ste se debe aprobar, por las siguientes razones: Primera, porque mientras el proceso ordinario no se falle en favor de quien dice haber plantado las ...<br \/><div class=\"pt-cv-rmwrap\"><a href=\"https:\/\/www.dmsjuridica.com\/buscador_20179478954\/corteconstitucionalcronologico202454587\/t-451-00\/\" class=\"_self pt-cv-readmore btn btn-success\" target=\"_self\">Ver Sentencia Completa...<\/a><\/div><\/div><\/div><\/div>\n<div class=\"col-md-12 col-sm-12 col-xs-12 pt-cv-content-item pt-cv-1-col\" ><div class='pt-cv-ifield'><a href=\"https:\/\/www.dmsjuridica.com\/buscador_20179478954\/corteconstitucionalcronologico202454587\/t-450-00\/\" class=\"_self pt-cv-href-thumbnail pt-cv-thumb-default\" target=\"_self\" ><\/a>\n<div class=\"pt-cv-taxoterm above_title\"><a href='https:\/\/www.dmsjuridica.com\/buscador_20179478954\/corteconstitucionalcronologico202454587\/category\/buscar-en-toda-la-corte\/2000\/tutelas-2000\/' title='Tutelas 2000' class='pt-cv-tax-tutelas-2000'>Tutelas 2000<\/a><\/div>\n<h4 class=\"pt-cv-title\"><a href=\"https:\/\/www.dmsjuridica.com\/buscador_20179478954\/corteconstitucionalcronologico202454587\/t-450-00\/\" class=\"_self\" target=\"_self\" >T-450-00<\/a><\/h4>\n<div class=\"pt-cv-content\">\u00a0 \u00a0 Sentencia T-450\/00 \u00a0 DERECHO DE PETICION ANTE ORGANIZACIONES PRIVADAS-Derechos laborales del trabajador hace exigible respuesta a\u00fan de particulares\/DERECHO DE PETICION ANTE ORGANIZACIONES PRIVADAS-No expedici\u00f3n de hoja de vida de extrabajador \u00a0 Reiteraci\u00f3n de la jurisprudencia \u00a0 Acci\u00f3n de tutela contra la empresa de servicios p\u00fablicos Aguas de Girardot, Ricaurte y la Regi\u00f3n S.A. E.S.P. (ACUAGYR) por una presunta violaci\u00f3n del derecho\u00a0 \u00a0 \u00a0 \u00a0 \u00a0de petici\u00f3n. \u00a0 Tema: \u00a0 Derecho de petici\u00f3n. \u00a0 Actor: Jos\u00e9 Alfonso Vargas Navarro \u00a0 Magistrado Ponente:\u00a0 \u00a0 Dr. CARLOS GAVIRIA D\u00cdAZ \u00a0 Santaf\u00e9 de Bogot\u00e1 D.C., veintisiete (27) de abril del a\u00f1o dos ...<br \/><div class=\"pt-cv-rmwrap\"><a href=\"https:\/\/www.dmsjuridica.com\/buscador_20179478954\/corteconstitucionalcronologico202454587\/t-450-00\/\" class=\"_self pt-cv-readmore btn btn-success\" target=\"_self\">Ver Sentencia Completa...<\/a><\/div><\/div><\/div><\/div>\n<div class=\"col-md-12 col-sm-12 col-xs-12 pt-cv-content-item pt-cv-1-col\" ><div class='pt-cv-ifield'><a href=\"https:\/\/www.dmsjuridica.com\/buscador_20179478954\/corteconstitucionalcronologico202454587\/t-449-00\/\" class=\"_self pt-cv-href-thumbnail pt-cv-thumb-default\" target=\"_self\" ><\/a>\n<div class=\"pt-cv-taxoterm above_title\"><a href='https:\/\/www.dmsjuridica.com\/buscador_20179478954\/corteconstitucionalcronologico202454587\/category\/buscar-en-toda-la-corte\/2000\/tutelas-2000\/' title='Tutelas 2000' class='pt-cv-tax-tutelas-2000'>Tutelas 2000<\/a><\/div>\n<h4 class=\"pt-cv-title\"><a href=\"https:\/\/www.dmsjuridica.com\/buscador_20179478954\/corteconstitucionalcronologico202454587\/t-449-00\/\" class=\"_self\" target=\"_self\" >T-449-00<\/a><\/h4>\n<div class=\"pt-cv-content\">\u00a0 \u00a0 Sentencia T-449\/00 \u00a0 \u00a0 \u00a0 ACCION DE TUTELA CONTRA PARTICULARES-Procedencia respecto de banco \u00a0 Las personas jur\u00eddicas que desarrollan la actividad bancaria, independientemente de su naturaleza p\u00fablica, privada o mixta, act\u00faan en ejercicio de una autorizaci\u00f3n del Estado para cumplir uno de sus fines, que es el de la prestaci\u00f3n de los servicios p\u00fablicos, por lo cual gozan de algunas prerrogativas propias de la actividad, pero igualmente se obligan a cumplir condiciones m\u00ednimas de derechos de los usuarios. En consecuencia, la acci\u00f3n de tutela en contra de quienes prestan un servicio p\u00fablico es formalmente procedente. \u00a0 SALARIO-Retenci\u00f3n indebida ...<br \/><div class=\"pt-cv-rmwrap\"><a href=\"https:\/\/www.dmsjuridica.com\/buscador_20179478954\/corteconstitucionalcronologico202454587\/t-449-00\/\" class=\"_self pt-cv-readmore btn btn-success\" target=\"_self\">Ver Sentencia Completa...<\/a><\/div><\/div><\/div><\/div>\n<div class=\"col-md-12 col-sm-12 col-xs-12 pt-cv-content-item pt-cv-1-col\" ><div class='pt-cv-ifield'><a href=\"https:\/\/www.dmsjuridica.com\/buscador_20179478954\/corteconstitucionalcronologico202454587\/t-448-00\/\" class=\"_self pt-cv-href-thumbnail pt-cv-thumb-default\" target=\"_self\" ><\/a>\n<div class=\"pt-cv-taxoterm above_title\"><a href='https:\/\/www.dmsjuridica.com\/buscador_20179478954\/corteconstitucionalcronologico202454587\/category\/buscar-en-toda-la-corte\/2000\/tutelas-2000\/' title='Tutelas 2000' class='pt-cv-tax-tutelas-2000'>Tutelas 2000<\/a><\/div>\n<h4 class=\"pt-cv-title\"><a href=\"https:\/\/www.dmsjuridica.com\/buscador_20179478954\/corteconstitucionalcronologico202454587\/t-448-00\/\" class=\"_self\" target=\"_self\" >T-448-00<\/a><\/h4>\n<div class=\"pt-cv-content\">\u00a0 \u00a0 Sentencia T-448\/00 \u00a0 PERSONAL DOCENTE DESPLAZADO-Figura del traslado permuta \u00a0 La actora fue forzada a desplazarse de su sitio de trabajo y residencia, y que se vio precisada a buscar en otro lugar la seguridad a que tiene derecho para ella y sus hijos. Ahora bien: la Constituci\u00f3n vigente garantiza a todos \"el derecho de libre asociaci\u00f3n para el desarrollo de las distintas actividades que las personas realizan en sociedad\", y se\u00f1ala que \"son deberes de la persona y el ciudadano: 1... 2. Obrar conforme al principio de solidaridad social, respondiendo con acciones humanitarias ante situaciones que pongan ...<br \/><div class=\"pt-cv-rmwrap\"><a href=\"https:\/\/www.dmsjuridica.com\/buscador_20179478954\/corteconstitucionalcronologico202454587\/t-448-00\/\" class=\"_self pt-cv-readmore btn btn-success\" target=\"_self\">Ver Sentencia Completa...<\/a><\/div><\/div><\/div><\/div>\n<div class=\"col-md-12 col-sm-12 col-xs-12 pt-cv-content-item pt-cv-1-col\" ><div class='pt-cv-ifield'><a href=\"https:\/\/www.dmsjuridica.com\/buscador_20179478954\/corteconstitucionalcronologico202454587\/t-447-00\/\" class=\"_self pt-cv-href-thumbnail pt-cv-thumb-default\" target=\"_self\" ><\/a>\n<div class=\"pt-cv-taxoterm above_title\"><a href='https:\/\/www.dmsjuridica.com\/buscador_20179478954\/corteconstitucionalcronologico202454587\/category\/buscar-en-toda-la-corte\/2000\/tutelas-2000\/' title='Tutelas 2000' class='pt-cv-tax-tutelas-2000'>Tutelas 2000<\/a><\/div>\n<h4 class=\"pt-cv-title\"><a href=\"https:\/\/www.dmsjuridica.com\/buscador_20179478954\/corteconstitucionalcronologico202454587\/t-447-00\/\" class=\"_self\" target=\"_self\" >T-447-00<\/a><\/h4>\n<div class=\"pt-cv-content\">\u00a0 \u00a0 Sentencia T-447\/00 \u00a0 PERSONA JURIDICA-Titularidad de derechos fundamentales \u00a0 DEBIDO PROCESO EN JURISDICCION COACTIVA-Alcance \u00a0 \"El debido proceso se aplicar\u00e1 a toda clase de actuaciones judiciales y administrativas\", por lo que tambi\u00e9n en los procesos de jurisdicci\u00f3n coactiva que adelantan algunas entidades administrativas, deben observarse la plenitud de las formas previstas en la ley previa para tales procedimientos; quien los tramite sin atender a ese mandato incurre en violaci\u00f3n del derecho fundamental consagrado en la norma Superior. \u00a0 ACCION DE TUTELA-Improcedencia sobre impugnaci\u00f3n de normas que establecen impuestos\/MEDIO DE DEFENSA JUDICIAL-Legalidad de la liquidaci\u00f3n de impuesto \u00a0 No ...<br \/><div class=\"pt-cv-rmwrap\"><a href=\"https:\/\/www.dmsjuridica.com\/buscador_20179478954\/corteconstitucionalcronologico202454587\/t-447-00\/\" class=\"_self pt-cv-readmore btn btn-success\" target=\"_self\">Ver Sentencia Completa...<\/a><\/div><\/div><\/div><\/div>\n<div class=\"col-md-12 col-sm-12 col-xs-12 pt-cv-content-item pt-cv-1-col\" ><div class='pt-cv-ifield'><a href=\"https:\/\/www.dmsjuridica.com\/buscador_20179478954\/corteconstitucionalcronologico202454587\/t-446-00\/\" class=\"_self pt-cv-href-thumbnail pt-cv-thumb-default\" target=\"_self\" ><\/a>\n<div class=\"pt-cv-taxoterm above_title\"><a href='https:\/\/www.dmsjuridica.com\/buscador_20179478954\/corteconstitucionalcronologico202454587\/category\/buscar-en-toda-la-corte\/2000\/tutelas-2000\/' title='Tutelas 2000' class='pt-cv-tax-tutelas-2000'>Tutelas 2000<\/a><\/div>\n<h4 class=\"pt-cv-title\"><a href=\"https:\/\/www.dmsjuridica.com\/buscador_20179478954\/corteconstitucionalcronologico202454587\/t-446-00\/\" class=\"_self\" target=\"_self\" >T-446-00<\/a><\/h4>\n<div class=\"pt-cv-content\">\u00a0 \u00a0 Sentencia T-446\/00 \u00a0 ACCION DE TUTELA-Prevalencia para protecci\u00f3n especial de la maternidad \u00a0 La Corte Constitucional ha reiterado, como se hace en este caso, que a\u00fan cuando el actor cuenta con la acci\u00f3n laboral ordinaria para la defensa de sus derechos, cuando lo que se reclama es la efectividad de la protecci\u00f3n especial a la maternidad, procede la tutela como mecanismo judicial prevalente, pues esa protecci\u00f3n especial no est\u00e1 consagrada en el ordenamiento constitucional colombiano y en los instrumentos internacionales, s\u00f3lo en consideraci\u00f3n de los derechos del trabajador, sino tambi\u00e9n de los del hijo por nacer; adem\u00e1s, es ...<br \/><div class=\"pt-cv-rmwrap\"><a href=\"https:\/\/www.dmsjuridica.com\/buscador_20179478954\/corteconstitucionalcronologico202454587\/t-446-00\/\" class=\"_self pt-cv-readmore btn btn-success\" target=\"_self\">Ver Sentencia Completa...<\/a><\/div><\/div><\/div><\/div>\n<div class=\"col-md-12 col-sm-12 col-xs-12 pt-cv-content-item pt-cv-1-col\" ><div class='pt-cv-ifield'><a href=\"https:\/\/www.dmsjuridica.com\/buscador_20179478954\/corteconstitucionalcronologico202454587\/t-445-00\/\" class=\"_self pt-cv-href-thumbnail pt-cv-thumb-default\" target=\"_self\" ><\/a>\n<div class=\"pt-cv-taxoterm above_title\"><a href='https:\/\/www.dmsjuridica.com\/buscador_20179478954\/corteconstitucionalcronologico202454587\/category\/buscar-en-toda-la-corte\/2000\/tutelas-2000\/' title='Tutelas 2000' class='pt-cv-tax-tutelas-2000'>Tutelas 2000<\/a><\/div>\n<h4 class=\"pt-cv-title\"><a href=\"https:\/\/www.dmsjuridica.com\/buscador_20179478954\/corteconstitucionalcronologico202454587\/t-445-00\/\" class=\"_self\" target=\"_self\" >T-445-00<\/a><\/h4>\n<div class=\"pt-cv-content\">\u00a0 \u00a0 Sentencia T-445\/00 \u00a0 ACCION DE TUTELA-Carencia actual de objeto \u00a0 Reiteraci\u00f3n de Jurisprudencia \u00a0 Referencia: expediente T-247298 \u00a0 Accionante: Virgilio Hern\u00e1ndez Crispin\u00a0 \u00a0 Dr. ANTONIO BARRERA CARBONELL \u00a0 Santaf\u00e9 de Bogot\u00e1, D.C., abril veinticuatro (24) de dos mil (2000). \u00a0 La Sala Primera de Revisi\u00f3n de la Corte Constitucional, integrada por los Magistrados Antonio Barrera Carbonell, Alfredo Beltr\u00e1n Sierra y Eduardo Cifuentes Mu\u00f1oz, en ejercicio de sus competencias constitucionales y legales ha proferido la siguiente\u00a0 \u00a0 SENTENCIA, \u00a0 dentro del proceso de revisi\u00f3n del fallo adoptado por el Juzgado 5\u00ba Civil Municipal de Barrancabermeja en el tr\u00e1mite de ...<br \/><div class=\"pt-cv-rmwrap\"><a href=\"https:\/\/www.dmsjuridica.com\/buscador_20179478954\/corteconstitucionalcronologico202454587\/t-445-00\/\" class=\"_self pt-cv-readmore btn btn-success\" target=\"_self\">Ver Sentencia Completa...<\/a><\/div><\/div><\/div><\/div>\n<div class=\"col-md-12 col-sm-12 col-xs-12 pt-cv-content-item pt-cv-1-col\" ><div class='pt-cv-ifield'><a href=\"https:\/\/www.dmsjuridica.com\/buscador_20179478954\/corteconstitucionalcronologico202454587\/t-444-00\/\" class=\"_self pt-cv-href-thumbnail pt-cv-thumb-default\" target=\"_self\" ><\/a>\n<div class=\"pt-cv-taxoterm above_title\"><a href='https:\/\/www.dmsjuridica.com\/buscador_20179478954\/corteconstitucionalcronologico202454587\/category\/buscar-en-toda-la-corte\/2000\/tutelas-2000\/' title='Tutelas 2000' class='pt-cv-tax-tutelas-2000'>Tutelas 2000<\/a><\/div>\n<h4 class=\"pt-cv-title\"><a href=\"https:\/\/www.dmsjuridica.com\/buscador_20179478954\/corteconstitucionalcronologico202454587\/t-444-00\/\" class=\"_self\" target=\"_self\" >T-444-00<\/a><\/h4>\n<div class=\"pt-cv-content\">\u00a0 \u00a0 Sentencia T-444\/00 \u00a0 SENTENCIA DEL CONSEJO DE ESTADO-Cumplimiento en relaci\u00f3n con incorporaci\u00f3n en carrera administrativa \u00a0 Todav\u00eda la entidad accionada no ha cumplido con dicho mandato, el cual constituye claramente una obligaci\u00f3n de hacer y que en los t\u00e9rminos de la doctrina constitucional emanada de esta Corte, torna en procedente la acci\u00f3n de tutela para proteger los derechos al debido proceso y de acceso a la administraci\u00f3n de justicia de la actora. De tal manera que, la Sala revocar\u00e1 las decisiones de los jueces de instancia en este sentido y ordenar\u00e1 a la Contralor\u00eda General de la Rep\u00fablica ...<br \/><div class=\"pt-cv-rmwrap\"><a href=\"https:\/\/www.dmsjuridica.com\/buscador_20179478954\/corteconstitucionalcronologico202454587\/t-444-00\/\" class=\"_self pt-cv-readmore btn btn-success\" target=\"_self\">Ver Sentencia Completa...<\/a><\/div><\/div><\/div><\/div>\n<div class=\"col-md-12 col-sm-12 col-xs-12 pt-cv-content-item pt-cv-1-col\" ><div class='pt-cv-ifield'><a href=\"https:\/\/www.dmsjuridica.com\/buscador_20179478954\/corteconstitucionalcronologico202454587\/t-443-00\/\" class=\"_self pt-cv-href-thumbnail pt-cv-thumb-default\" target=\"_self\" ><\/a>\n<div class=\"pt-cv-taxoterm above_title\"><a href='https:\/\/www.dmsjuridica.com\/buscador_20179478954\/corteconstitucionalcronologico202454587\/category\/buscar-en-toda-la-corte\/2000\/tutelas-2000\/' title='Tutelas 2000' class='pt-cv-tax-tutelas-2000'>Tutelas 2000<\/a><\/div>\n<h4 class=\"pt-cv-title\"><a href=\"https:\/\/www.dmsjuridica.com\/buscador_20179478954\/corteconstitucionalcronologico202454587\/t-443-00\/\" class=\"_self\" target=\"_self\" >T-443-00<\/a><\/h4>\n<div class=\"pt-cv-content\">\u00a0 \u00a0 Sentencia T-443\/00 \u00a0 ACCION DE TUTELA CONTRA SENTENCIAS-Improcedencia \u00a0 VIA DE HECHO-Procedencia excepcional de tutela \u00a0 PROVIDENCIAS JUDICIALES Y VIA DE HECHO-Diferencias \u00a0 Hay que distinguir entre providencias judiciales y las v\u00edas de hecho. Las primeras son invulnerables a la acci\u00f3n de tutela en cuanto corresponden al ejercicio aut\u00f3nomo de la decisi\u00f3n judicial y respecto de las cuales existen, dentro del respectivo proceso, los medios de defensa judiciales establecidos por el ordenamiento jur\u00eddico. Las segundas son apariencias de providencias judiciales que vulneran los derechos b\u00e1sicos de las personas. De suerte que la violaci\u00f3n de la Constituci\u00f3n Pol\u00edtica por ...<br \/><div class=\"pt-cv-rmwrap\"><a href=\"https:\/\/www.dmsjuridica.com\/buscador_20179478954\/corteconstitucionalcronologico202454587\/t-443-00\/\" class=\"_self pt-cv-readmore btn btn-success\" target=\"_self\">Ver Sentencia Completa...<\/a><\/div><\/div><\/div><\/div>\n<div class=\"col-md-12 col-sm-12 col-xs-12 pt-cv-content-item pt-cv-1-col\" ><div class='pt-cv-ifield'><a href=\"https:\/\/www.dmsjuridica.com\/buscador_20179478954\/corteconstitucionalcronologico202454587\/t-442-00\/\" class=\"_self pt-cv-href-thumbnail pt-cv-thumb-default\" target=\"_self\" ><\/a>\n<div class=\"pt-cv-taxoterm above_title\"><a href='https:\/\/www.dmsjuridica.com\/buscador_20179478954\/corteconstitucionalcronologico202454587\/category\/buscar-en-toda-la-corte\/2000\/tutelas-2000\/' title='Tutelas 2000' class='pt-cv-tax-tutelas-2000'>Tutelas 2000<\/a><\/div>\n<h4 class=\"pt-cv-title\"><a href=\"https:\/\/www.dmsjuridica.com\/buscador_20179478954\/corteconstitucionalcronologico202454587\/t-442-00\/\" class=\"_self\" target=\"_self\" >T-442-00<\/a><\/h4>\n<div class=\"pt-cv-content\">\u00a0 \u00a0 Sentencia T-442\/00 \u00a0 DERECHOS FUNDAMENTALES DEL NI\u00d1O-Protecci\u00f3n constitucional especial \u00a0 DERECHOS DEL NI\u00d1O A LA SEGURIDAD SOCIAL-Prevalencia sobre el ordenamiento legal y reglamentario\/PLAN OBLIGATORIO DE SALUD-No exclusi\u00f3n de instrumentos para rehabilitaci\u00f3n de menores \u00a0 DERECHOS DEL NI\u00d1O A LA SALUD-Suministro de hormonas de crecimiento \u00a0 DERECHOS FUNDAMENTALES DEL NI\u00d1O-Suministro de medicamentos por Secretar\u00eda de Salud\/DERECHOS FUNDAMENTALES DEL NI\u00d1O-Igualdad para desarrollarse f\u00edsicamente como cualquier otra persona \u00a0 No existe ninguna raz\u00f3n para que la Secretar\u00eda de Salud se abstenga de suministrar el medicamento a la menor, toda vez que \u00e9ste fue formulado por el medico tratante de su enfermedad, ...<br \/><div class=\"pt-cv-rmwrap\"><a href=\"https:\/\/www.dmsjuridica.com\/buscador_20179478954\/corteconstitucionalcronologico202454587\/t-442-00\/\" class=\"_self pt-cv-readmore btn btn-success\" target=\"_self\">Ver Sentencia Completa...<\/a><\/div><\/div><\/div><\/div>\n<div class=\"col-md-12 col-sm-12 col-xs-12 pt-cv-content-item pt-cv-1-col\" ><div class='pt-cv-ifield'><a href=\"https:\/\/www.dmsjuridica.com\/buscador_20179478954\/corteconstitucionalcronologico202454587\/t-441-00\/\" class=\"_self pt-cv-href-thumbnail pt-cv-thumb-default\" target=\"_self\" ><\/a>\n<div class=\"pt-cv-taxoterm above_title\"><a href='https:\/\/www.dmsjuridica.com\/buscador_20179478954\/corteconstitucionalcronologico202454587\/category\/buscar-en-toda-la-corte\/2000\/tutelas-2000\/' title='Tutelas 2000' class='pt-cv-tax-tutelas-2000'>Tutelas 2000<\/a><\/div>\n<h4 class=\"pt-cv-title\"><a href=\"https:\/\/www.dmsjuridica.com\/buscador_20179478954\/corteconstitucionalcronologico202454587\/t-441-00\/\" class=\"_self\" target=\"_self\" >T-441-00<\/a><\/h4>\n<div class=\"pt-cv-content\">\u00a0 \u00a0 Sentencia T-441\/00 \u00a0 Nota de Relator\u00eda: Esta sentencia fue declarada nula mediante auto No. 080 de 24 de agosto de 2000. En cumplimiento de este auto se profiri\u00f3 nueva sentencia bajo el No. SU.544 de 24 de mayo de 2001. \u00a0 CARGOS DE PERIODO-Criterios subjetivo y objetivo \u00a0 En ciertos casos la Constituci\u00f3n establece periodos con car\u00e1cter subjetivo y en otros con criterio institucional, lo cual tiene las siguientes implicaciones: cuando el periodo es subjetivo \u00e9ste se cuenta a partir del momento en que el funcionario elegido o designado toma posesi\u00f3n del cargo. Por lo tanto, en caso ...<br \/><div class=\"pt-cv-rmwrap\"><a href=\"https:\/\/www.dmsjuridica.com\/buscador_20179478954\/corteconstitucionalcronologico202454587\/t-441-00\/\" class=\"_self pt-cv-readmore btn btn-success\" target=\"_self\">Ver Sentencia Completa...<\/a><\/div><\/div><\/div><\/div>\n<div class=\"col-md-12 col-sm-12 col-xs-12 pt-cv-content-item pt-cv-1-col\" ><div class='pt-cv-ifield'><a href=\"https:\/\/www.dmsjuridica.com\/buscador_20179478954\/corteconstitucionalcronologico202454587\/t-440-00\/\" class=\"_self pt-cv-href-thumbnail pt-cv-thumb-default\" target=\"_self\" ><\/a>\n<div class=\"pt-cv-taxoterm above_title\"><a href='https:\/\/www.dmsjuridica.com\/buscador_20179478954\/corteconstitucionalcronologico202454587\/category\/buscar-en-toda-la-corte\/2000\/tutelas-2000\/' title='Tutelas 2000' class='pt-cv-tax-tutelas-2000'>Tutelas 2000<\/a><\/div>\n<h4 class=\"pt-cv-title\"><a href=\"https:\/\/www.dmsjuridica.com\/buscador_20179478954\/corteconstitucionalcronologico202454587\/t-440-00\/\" class=\"_self\" target=\"_self\" >T-440-00<\/a><\/h4>\n<div class=\"pt-cv-content\">\u00a0 \u00a0 Sentencia T-440\/00 \u00a0 \u00a0 \u00a0 DERECHO AL MINIMO VITAL DEL TRABAJADOR-Presunci\u00f3n de afectaci\u00f3n por ausencia prolongada en pago de salarios\/DERECHO AL MINIMO VITAL DEL TRABAJADOR-No afectaci\u00f3n por no pago de primas complementarias de salarios a educadores \u00a0 Referencia: expedientes Acumulados a T- 271998. \u00a0 T-274078, T-274208, T-274209, T-274238, \u00a0 T-274239, T-274249, T-274250, T-274511, \u00a0 T-274514, T-274536, T-274537, T-274539, \u00a0 T-274553, T-274677, T-274679, T-274918, \u00a0 T-274980, T-274988, T-275000, T-275007, \u00a0 T-275008, T-275009, T-275092, T-275161, \u00a0 T-275227, T-275228, T-275246, T-275260, \u00a0 T-275277, T-275295, T-275297, T-275433, \u00a0 T-275434, T-275514, T-275521, T-275522, \u00a0 T-275537, T-275554, T-275555, T-275556, \u00a0 T-275557, T-275558, T-275559, T-275560, ...<br \/><div class=\"pt-cv-rmwrap\"><a href=\"https:\/\/www.dmsjuridica.com\/buscador_20179478954\/corteconstitucionalcronologico202454587\/t-440-00\/\" class=\"_self pt-cv-readmore btn btn-success\" target=\"_self\">Ver Sentencia Completa...<\/a><\/div><\/div><\/div><\/div>\n<div class=\"col-md-12 col-sm-12 col-xs-12 pt-cv-content-item pt-cv-1-col\" ><div class='pt-cv-ifield'><a href=\"https:\/\/www.dmsjuridica.com\/buscador_20179478954\/corteconstitucionalcronologico202454587\/t-439-00\/\" class=\"_self pt-cv-href-thumbnail pt-cv-thumb-default\" target=\"_self\" ><\/a>\n<div class=\"pt-cv-taxoterm above_title\"><a href='https:\/\/www.dmsjuridica.com\/buscador_20179478954\/corteconstitucionalcronologico202454587\/category\/buscar-en-toda-la-corte\/2000\/tutelas-2000\/' title='Tutelas 2000' class='pt-cv-tax-tutelas-2000'>Tutelas 2000<\/a><\/div>\n<h4 class=\"pt-cv-title\"><a href=\"https:\/\/www.dmsjuridica.com\/buscador_20179478954\/corteconstitucionalcronologico202454587\/t-439-00\/\" class=\"_self\" target=\"_self\" >T-439-00<\/a><\/h4>\n<div class=\"pt-cv-content\">\u00a0 \u00a0 Sentencia T-439\/00 \u00a0 PRINCIPIO A TRABAJO IGUAL SALARIO IGUAL-Alcance \u00a0 RETROSPECTIVIDAD-Normas favorables al trabajador\/PRINCIPIO DE FAVORABILIDAD LABORAL-Autonom\u00eda judicial es relativa \u00a0 PRINCIPIO A TRABAJO IGUAL SALARIO IGUAL-Rango constitucional \u00a0 El principio a salario igual trabajo igual tiene rango constitucional, pero ha dicho que los reajustes (salarial y pensional) con motivo de la aplicaci\u00f3n del principio de igualdad corresponde hacerlos a otra jurisdicci\u00f3n, diferente a la constitucional, aunque cabe la tutela como mecanismo transitorio siempre y cuando haya un perjuicio irremediable. \u00a0 PERJUICIO IRREMEDIABLE-Determinaci\u00f3n \u00a0 PERJUICIO IRREMEDIABLE-No pago de bonificaci\u00f3n a abogado asistente\/PERJUICIO IRREMEDIABLE-Puede ser moral por afectar condiciones ...<br \/><div class=\"pt-cv-rmwrap\"><a href=\"https:\/\/www.dmsjuridica.com\/buscador_20179478954\/corteconstitucionalcronologico202454587\/t-439-00\/\" class=\"_self pt-cv-readmore btn btn-success\" target=\"_self\">Ver Sentencia Completa...<\/a><\/div><\/div><\/div><\/div>\n<div class=\"col-md-12 col-sm-12 col-xs-12 pt-cv-content-item pt-cv-1-col\" ><div class='pt-cv-ifield'><a href=\"https:\/\/www.dmsjuridica.com\/buscador_20179478954\/corteconstitucionalcronologico202454587\/t-438-00\/\" class=\"_self pt-cv-href-thumbnail pt-cv-thumb-default\" target=\"_self\" ><\/a>\n<div class=\"pt-cv-taxoterm above_title\"><a href='https:\/\/www.dmsjuridica.com\/buscador_20179478954\/corteconstitucionalcronologico202454587\/category\/buscar-en-toda-la-corte\/2000\/tutelas-2000\/' title='Tutelas 2000' class='pt-cv-tax-tutelas-2000'>Tutelas 2000<\/a><\/div>\n<h4 class=\"pt-cv-title\"><a href=\"https:\/\/www.dmsjuridica.com\/buscador_20179478954\/corteconstitucionalcronologico202454587\/t-438-00\/\" class=\"_self\" target=\"_self\" >T-438-00<\/a><\/h4>\n<div class=\"pt-cv-content\">\u00a0 \u00a0 Sentencia T-438\/00 \u00a0 ACCION DE TUTELA-Improcedencia de reconocimiento de pensi\u00f3n\u00a0 \u00a0 Por tutela no se puede volver a reconocer una pensi\u00f3n de jubilaci\u00f3n, ni obligar a que un Tribunal la reconozca salvo que hubiese incurrido en v\u00eda de hecho, sin embargo, no es esto lo que se pide por la peticionaria. \u00a0 JURISDICCION CONTENCIOSO ADMINISTRATIVA-Suspensi\u00f3n provisional de resoluci\u00f3n que concedi\u00f3 pensi\u00f3n \u00a0 Legalmente el camino para discutir la legalidad de una Resoluci\u00f3n es el de acudir ante la jurisdicci\u00f3n contencioso administrativa y as\u00ed lo hizo la Caja de Prestaciones de la Polic\u00eda Nacional porque consider\u00f3 que la obligaci\u00f3n ...<br \/><div class=\"pt-cv-rmwrap\"><a href=\"https:\/\/www.dmsjuridica.com\/buscador_20179478954\/corteconstitucionalcronologico202454587\/t-438-00\/\" class=\"_self pt-cv-readmore btn btn-success\" target=\"_self\">Ver Sentencia Completa...<\/a><\/div><\/div><\/div><\/div>\n<div class=\"col-md-12 col-sm-12 col-xs-12 pt-cv-content-item pt-cv-1-col\" ><div class='pt-cv-ifield'><a href=\"https:\/\/www.dmsjuridica.com\/buscador_20179478954\/corteconstitucionalcronologico202454587\/t-437-00\/\" class=\"_self pt-cv-href-thumbnail pt-cv-thumb-default\" target=\"_self\" ><\/a>\n<div class=\"pt-cv-taxoterm above_title\"><a href='https:\/\/www.dmsjuridica.com\/buscador_20179478954\/corteconstitucionalcronologico202454587\/category\/buscar-en-toda-la-corte\/2000\/tutelas-2000\/' title='Tutelas 2000' class='pt-cv-tax-tutelas-2000'>Tutelas 2000<\/a><\/div>\n<h4 class=\"pt-cv-title\"><a href=\"https:\/\/www.dmsjuridica.com\/buscador_20179478954\/corteconstitucionalcronologico202454587\/t-437-00\/\" class=\"_self\" target=\"_self\" >T-437-00<\/a><\/h4>\n<div class=\"pt-cv-content\">\u00a0 \u00a0 Sentencia T-437\/00 \u00a0 ACCION DE TUTELA-Subordinaci\u00f3n \u00a0 LEGITIMACION POR ACTIVA EN TUTELA-C\u00f3nyuge del afectado en salud \u00a0 Se considera entonces procedente entrar al fondo del asunto planteado, si se tiene en cuenta que no solamente estaba legitimada la esposa del empleado para actuar en raz\u00f3n de las expresadas circunstancias, sino que tambi\u00e9n ella, en calidad de c\u00f3nyuge, y sus hijos sufren y han sufrido personalmente los perjuicios que el incumplimiento patronal irrog\u00f3 a aqu\u00e9l, lo que significa que tambi\u00e9n tiene un inter\u00e9s propio, y que, seg\u00fan el art\u00edculo 44 de la Constituci\u00f3n Pol\u00edtica, cuando est\u00e1n de por medio ...<br \/><div class=\"pt-cv-rmwrap\"><a href=\"https:\/\/www.dmsjuridica.com\/buscador_20179478954\/corteconstitucionalcronologico202454587\/t-437-00\/\" class=\"_self pt-cv-readmore btn btn-success\" target=\"_self\">Ver Sentencia Completa...<\/a><\/div><\/div><\/div><\/div>\n<div class=\"col-md-12 col-sm-12 col-xs-12 pt-cv-content-item pt-cv-1-col\" ><div class='pt-cv-ifield'><a href=\"https:\/\/www.dmsjuridica.com\/buscador_20179478954\/corteconstitucionalcronologico202454587\/t-436-00\/\" class=\"_self pt-cv-href-thumbnail pt-cv-thumb-default\" target=\"_self\" ><\/a>\n<div class=\"pt-cv-taxoterm above_title\"><a href='https:\/\/www.dmsjuridica.com\/buscador_20179478954\/corteconstitucionalcronologico202454587\/category\/buscar-en-toda-la-corte\/2000\/tutelas-2000\/' title='Tutelas 2000' class='pt-cv-tax-tutelas-2000'>Tutelas 2000<\/a><\/div>\n<h4 class=\"pt-cv-title\"><a href=\"https:\/\/www.dmsjuridica.com\/buscador_20179478954\/corteconstitucionalcronologico202454587\/t-436-00\/\" class=\"_self\" target=\"_self\" >T-436-00<\/a><\/h4>\n<div class=\"pt-cv-content\">\u00a0 \u00a0 Sentencia T-436\/00 \u00a0 ACCION DE TUTELA CONTRA EMPRESA DE SERVICIOS PUBLICOS-Procedencia\/ACCION DE TUTELA CONTRA EMPRESA DE SERVICIOS PUBLICOS-Subordinaci\u00f3n \u00a0 Cabe la acci\u00f3n de tutela en el presente caso, no obstante la naturaleza jur\u00eddica del ente demandado, que no es autoridad p\u00fablica. Se trata, en efecto, de una sociedad comercial cuyo objeto es la prestaci\u00f3n de un servicio p\u00fablico domiciliario. Y, adem\u00e1s, respecto de ella las personas naturales accionantes se encontraban en estado de subordinaci\u00f3n en el momento en que tuvieron lugar los hechos materia de demanda. Se configuran, respecto de ellos, dos de los motivos se\u00f1alados en el ...<br \/><div class=\"pt-cv-rmwrap\"><a href=\"https:\/\/www.dmsjuridica.com\/buscador_20179478954\/corteconstitucionalcronologico202454587\/t-436-00\/\" class=\"_self pt-cv-readmore btn btn-success\" target=\"_self\">Ver Sentencia Completa...<\/a><\/div><\/div><\/div><\/div>\n<div class=\"col-md-12 col-sm-12 col-xs-12 pt-cv-content-item pt-cv-1-col\" ><div class='pt-cv-ifield'><a href=\"https:\/\/www.dmsjuridica.com\/buscador_20179478954\/corteconstitucionalcronologico202454587\/t-435-00\/\" class=\"_self pt-cv-href-thumbnail pt-cv-thumb-default\" target=\"_self\" ><\/a>\n<div class=\"pt-cv-taxoterm above_title\"><a href='https:\/\/www.dmsjuridica.com\/buscador_20179478954\/corteconstitucionalcronologico202454587\/category\/buscar-en-toda-la-corte\/2000\/tutelas-2000\/' title='Tutelas 2000' class='pt-cv-tax-tutelas-2000'>Tutelas 2000<\/a><\/div>\n<h4 class=\"pt-cv-title\"><a href=\"https:\/\/www.dmsjuridica.com\/buscador_20179478954\/corteconstitucionalcronologico202454587\/t-435-00\/\" class=\"_self\" target=\"_self\" >T-435-00<\/a><\/h4>\n<div class=\"pt-cv-content\">\u00a0 \u00a0 Sentencia T-435\/00 \u00a0 ACCION DE TUTELA-Carencia actual de objeto \u00a0 En relaci\u00f3n con la improcedencia de la decisi\u00f3n por parte del juez de tutela, cuando se produce el fen\u00f3meno de la carencia actual de objeto, esto es, cuando la situaci\u00f3n de hecho que se alega como la generadora de la violaci\u00f3n o amenaza del derecho fundamental para el cual se solicita protecci\u00f3n, ha sido superada al momento de proferir el fallo. En el momento de proferir la presente sentencia, los supuestos de hecho a los que aludi\u00f3 el actor para fundamentar su solicitud de protecci\u00f3n para los derechos ...<br \/><div class=\"pt-cv-rmwrap\"><a href=\"https:\/\/www.dmsjuridica.com\/buscador_20179478954\/corteconstitucionalcronologico202454587\/t-435-00\/\" class=\"_self pt-cv-readmore btn btn-success\" target=\"_self\">Ver Sentencia Completa...<\/a><\/div><\/div><\/div><\/div>\n<div class=\"col-md-12 col-sm-12 col-xs-12 pt-cv-content-item pt-cv-1-col\" ><div class='pt-cv-ifield'><a href=\"https:\/\/www.dmsjuridica.com\/buscador_20179478954\/corteconstitucionalcronologico202454587\/t-425-00\/\" class=\"_self pt-cv-href-thumbnail pt-cv-thumb-default\" target=\"_self\" ><\/a>\n<div class=\"pt-cv-taxoterm above_title\"><a href='https:\/\/www.dmsjuridica.com\/buscador_20179478954\/corteconstitucionalcronologico202454587\/category\/buscar-en-toda-la-corte\/2000\/tutelas-2000\/' title='Tutelas 2000' class='pt-cv-tax-tutelas-2000'>Tutelas 2000<\/a><\/div>\n<h4 class=\"pt-cv-title\"><a href=\"https:\/\/www.dmsjuridica.com\/buscador_20179478954\/corteconstitucionalcronologico202454587\/t-425-00\/\" class=\"_self\" target=\"_self\" >T-425-00<\/a><\/h4>\n<div class=\"pt-cv-content\">\u00a0 \u00a0 Sentencia T-425\/00 \u00a0 ACCION DE TUTELA-Procedencia excepcional pago de acreencias laborales \u00a0 DERECHO AL PAGO OPORTUNO DEL SALARIO-Fundamental \u00a0 EMPLEADOR-Situaci\u00f3n econ\u00f3mica o presupuestal no es \u00f3bice para desconocer obligaciones laborales \u00a0 Reiteraci\u00f3n de Jurisprudencia \u00a0 Referencia: expedientes T-269788 y T-275603. \u00a0 Acci\u00f3n de tutela instaurada por Margarita Caicedo Angulo, Lilia Rosa Revelo Caceres, Pastora Cort\u00e9s de Preciado, Gloria Daicy Hurtado Valencia y Enrique Felix Rodr\u00edguez Cruz contra el Hospital Departamental de Buenaventura. \u00a0 Magistrado Ponente: \u00a0 Dr. ALVARO TAFUR GALVIS \u00a0 Aprobada en Santa Fe de Bogot\u00e1 D.C., a los once (11) d\u00edas del mes de abril de ...<br \/><div class=\"pt-cv-rmwrap\"><a href=\"https:\/\/www.dmsjuridica.com\/buscador_20179478954\/corteconstitucionalcronologico202454587\/t-425-00\/\" class=\"_self pt-cv-readmore btn btn-success\" target=\"_self\">Ver Sentencia Completa...<\/a><\/div><\/div><\/div><\/div>\n<div class=\"col-md-12 col-sm-12 col-xs-12 pt-cv-content-item pt-cv-1-col\" ><div class='pt-cv-ifield'><a href=\"https:\/\/www.dmsjuridica.com\/buscador_20179478954\/corteconstitucionalcronologico202454587\/t-424-00\/\" class=\"_self pt-cv-href-thumbnail pt-cv-thumb-default\" target=\"_self\" ><\/a>\n<div class=\"pt-cv-taxoterm above_title\"><a href='https:\/\/www.dmsjuridica.com\/buscador_20179478954\/corteconstitucionalcronologico202454587\/category\/buscar-en-toda-la-corte\/2000\/tutelas-2000\/' title='Tutelas 2000' class='pt-cv-tax-tutelas-2000'>Tutelas 2000<\/a><\/div>\n<h4 class=\"pt-cv-title\"><a href=\"https:\/\/www.dmsjuridica.com\/buscador_20179478954\/corteconstitucionalcronologico202454587\/t-424-00\/\" class=\"_self\" target=\"_self\" >T-424-00<\/a><\/h4>\n<div class=\"pt-cv-content\">\u00a0 \u00a0 Sentencia T-424\/00 \u00a0 DERECHO AL TRABAJO EN CONDICIONES DIGNAS Y JUSTAS-Pago oportuno de salarios \u00a0 DERECHO AL PAGO OPORTUNO DEL SALARIO-Fundamental \u00a0 EMPLEADOR-Situaci\u00f3n econ\u00f3mica o presupuestal no es \u00f3bice para desconocer obligaciones laborales \u00a0 DERECHO AL MINIMO VITAL DEL TRABAJADOR-Pago oportuno de salarios \u00a0 DERECHO AL MINIMO VITAL DEL PENSIONADO-Pago oportuno de mesadas \u00a0 EMPLEADOR-Asunci\u00f3n, en principio, servicio de salud por mora en aportes \u00a0 Reiteraci\u00f3n de Jurisprudencia \u00a0 Referencia: expedientes T-277060, T-277947, T-277948, T-280935, T-281032, T-282775, T-269175, T-275493, T-275499, T-275503, \u00a0 T-278278 y T-278325. \u00a0 Acci\u00f3n de tutela instaurada por Jorge Eliecer \u00a0Puello Hern\u00e1ndez y otros, contra ...<br \/><div class=\"pt-cv-rmwrap\"><a href=\"https:\/\/www.dmsjuridica.com\/buscador_20179478954\/corteconstitucionalcronologico202454587\/t-424-00\/\" class=\"_self pt-cv-readmore btn btn-success\" target=\"_self\">Ver Sentencia Completa...<\/a><\/div><\/div><\/div><\/div>\n<div class=\"col-md-12 col-sm-12 col-xs-12 pt-cv-content-item pt-cv-1-col\" ><div class='pt-cv-ifield'><a href=\"https:\/\/www.dmsjuridica.com\/buscador_20179478954\/corteconstitucionalcronologico202454587\/t-423-00\/\" class=\"_self pt-cv-href-thumbnail pt-cv-thumb-default\" target=\"_self\" ><\/a>\n<div class=\"pt-cv-taxoterm above_title\"><a href='https:\/\/www.dmsjuridica.com\/buscador_20179478954\/corteconstitucionalcronologico202454587\/category\/buscar-en-toda-la-corte\/2000\/tutelas-2000\/' title='Tutelas 2000' class='pt-cv-tax-tutelas-2000'>Tutelas 2000<\/a><\/div>\n<h4 class=\"pt-cv-title\"><a href=\"https:\/\/www.dmsjuridica.com\/buscador_20179478954\/corteconstitucionalcronologico202454587\/t-423-00\/\" class=\"_self\" target=\"_self\" >T-423-00<\/a><\/h4>\n<div class=\"pt-cv-content\">\u00a0 \u00a0 Sentencia T-423\/00 \u00a0 ACCION DE TUTELA-Procedencia excepcional pago de acreencias laborales \u00a0 DERECHO A LA VIDA DIGNA-Pago oportuno de salarios \u00a0 DERECHO AL MINIMO VITAL DEL TRABAJADOR-Pago oportuno de salarios \u00a0 DERECHO AL PAGO OPORTUNO DEL SALARIO-Fundamental \u00a0 EMPLEADOR-Situaci\u00f3n econ\u00f3mica o presupuestal no es \u00f3bice para desconocer obligaciones laborales \u00a0 ESTABLECIMIENTO HOSPITALARIO-Pago oportuno de salarios \u00a0 Reiteraci\u00f3n de Jurisprudencia \u00a0 Referencia: expedientes Acumulados T-271497, T-272779, T-273480, T-273483 y \u00a0 \u00a0 \u00a0 \u00a0 \u00a0 \u00a0 \u00a0T-273486.\u00a0 \u00a0 Acciones de tutela instauradas por Tom\u00e1s Daniel Guerrero Ter\u00e1n y Norma Isabel Madera, Miryam Josefina Pardo de Tarra, Carmen Cabarcas Guerrero, Yaneth ...<br \/><div class=\"pt-cv-rmwrap\"><a href=\"https:\/\/www.dmsjuridica.com\/buscador_20179478954\/corteconstitucionalcronologico202454587\/t-423-00\/\" class=\"_self pt-cv-readmore btn btn-success\" target=\"_self\">Ver Sentencia Completa...<\/a><\/div><\/div><\/div><\/div>\n<div class=\"col-md-12 col-sm-12 col-xs-12 pt-cv-content-item pt-cv-1-col\" ><div class='pt-cv-ifield'><a href=\"https:\/\/www.dmsjuridica.com\/buscador_20179478954\/corteconstitucionalcronologico202454587\/t-422-00\/\" class=\"_self pt-cv-href-thumbnail pt-cv-thumb-default\" target=\"_self\" ><\/a>\n<div class=\"pt-cv-taxoterm above_title\"><a href='https:\/\/www.dmsjuridica.com\/buscador_20179478954\/corteconstitucionalcronologico202454587\/category\/buscar-en-toda-la-corte\/2000\/tutelas-2000\/' title='Tutelas 2000' class='pt-cv-tax-tutelas-2000'>Tutelas 2000<\/a><\/div>\n<h4 class=\"pt-cv-title\"><a href=\"https:\/\/www.dmsjuridica.com\/buscador_20179478954\/corteconstitucionalcronologico202454587\/t-422-00\/\" class=\"_self\" target=\"_self\" >T-422-00<\/a><\/h4>\n<div class=\"pt-cv-content\">\u00a0 \u00a0 Sentencia T-422\/00 \u00a0 ACCION DE TUTELA-Procedencia excepcional pago de acreencias laborales \u00a0 DERECHO A LA VIDA DIGNA DEL TRABAJADOR-Pago oportuno de salarios \u00a0 DERECHO AL MINIMO VITAL DE MUJER CABEZA DE FAMILIA-Pago oportuno de salarios \u00a0 EMPLEADOR-Situaci\u00f3n econ\u00f3mica o presupuestal no es \u00f3bice para desconocer obligaciones laborales \u00a0 Reiteraci\u00f3n de jurisprudencia \u00a0 Referencia: expedientes T-269654, T-269663, T-270113, T-270501, T-270521, T-270641, T-271007, T-273867, T-275383, T-276504, T-276876, T-276878, T-281503, T-282365, T-282702, T-279007, T-279041, T-279415, \u00a0T-280290, T-280409, T-285094, T-286339 y T-286418. \u00a0 Acciones de tutela instauradas por Sara Patricia Clavijo Fl\u00f3rez y otros contra la Fundaci\u00f3n San Juan de Dios de ...<br \/><div class=\"pt-cv-rmwrap\"><a href=\"https:\/\/www.dmsjuridica.com\/buscador_20179478954\/corteconstitucionalcronologico202454587\/t-422-00\/\" class=\"_self pt-cv-readmore btn btn-success\" target=\"_self\">Ver Sentencia Completa...<\/a><\/div><\/div><\/div><\/div>\n<div class=\"col-md-12 col-sm-12 col-xs-12 pt-cv-content-item pt-cv-1-col\" ><div class='pt-cv-ifield'><a href=\"https:\/\/www.dmsjuridica.com\/buscador_20179478954\/corteconstitucionalcronologico202454587\/t-421-00\/\" class=\"_self pt-cv-href-thumbnail pt-cv-thumb-default\" target=\"_self\" ><\/a>\n<div class=\"pt-cv-taxoterm above_title\"><a href='https:\/\/www.dmsjuridica.com\/buscador_20179478954\/corteconstitucionalcronologico202454587\/category\/buscar-en-toda-la-corte\/2000\/tutelas-2000\/' title='Tutelas 2000' class='pt-cv-tax-tutelas-2000'>Tutelas 2000<\/a><\/div>\n<h4 class=\"pt-cv-title\"><a href=\"https:\/\/www.dmsjuridica.com\/buscador_20179478954\/corteconstitucionalcronologico202454587\/t-421-00\/\" class=\"_self\" target=\"_self\" >T-421-00<\/a><\/h4>\n<div class=\"pt-cv-content\">\u00a0 \u00a0 Sentencia T-421\/00 \u00a0 ACCION DE TUTELA-Procedencia excepcional pago de acreencias laborales \u00a0 EMPLEADOR-Situaci\u00f3n econ\u00f3mica o presupuestal no es \u00f3bice para desconocer obligaciones laborales \u00a0 CONCORDATO PREVENTIVO OBLIGATORIO-Pago preferente de salarios \u00a0 DERECHO AL PAGO OPORTUNO DEL SALARIO-Fundamental \u00a0 DERECHO AL MINIMO VITAL DEL TRABAJADOR-Pago oportuno de salarios \u00a0 Reiteraci\u00f3n de Jurisprudencia \u00a0 Referencia: expediente T-269603 \u00a0 Acci\u00f3n de tutela instaurada por Fabio Alfonso Bonilla Gonz\u00e1lez contra la Sociedad \"Mecanizados y Motores S.A.\"\u00a0 \u00a0 Magistrado Ponente: \u00a0 Dr. ALVARO TAFUR GALVIS \u00a0 Santa Fe de Bogot\u00e1, D.C., a los once (11) d\u00edas del mes de abril de dos mil ...<br \/><div class=\"pt-cv-rmwrap\"><a href=\"https:\/\/www.dmsjuridica.com\/buscador_20179478954\/corteconstitucionalcronologico202454587\/t-421-00\/\" class=\"_self pt-cv-readmore btn btn-success\" target=\"_self\">Ver Sentencia Completa...<\/a><\/div><\/div><\/div><\/div>\n<div class=\"col-md-12 col-sm-12 col-xs-12 pt-cv-content-item pt-cv-1-col\" ><div class='pt-cv-ifield'><a href=\"https:\/\/www.dmsjuridica.com\/buscador_20179478954\/corteconstitucionalcronologico202454587\/t-420-00\/\" class=\"_self pt-cv-href-thumbnail pt-cv-thumb-default\" target=\"_self\" ><\/a>\n<div class=\"pt-cv-taxoterm above_title\"><a href='https:\/\/www.dmsjuridica.com\/buscador_20179478954\/corteconstitucionalcronologico202454587\/category\/buscar-en-toda-la-corte\/2000\/tutelas-2000\/' title='Tutelas 2000' class='pt-cv-tax-tutelas-2000'>Tutelas 2000<\/a><\/div>\n<h4 class=\"pt-cv-title\"><a href=\"https:\/\/www.dmsjuridica.com\/buscador_20179478954\/corteconstitucionalcronologico202454587\/t-420-00\/\" class=\"_self\" target=\"_self\" >T-420-00<\/a><\/h4>\n<div class=\"pt-cv-content\">\u00a0 \u00a0 Sentencia T-420\/00 \u00a0 ACCION DE TUTELA CONTRA PARTICULARES-Procedencia excepcional\u00a0 \u00a0 SUBORDINACION LABORAL-Pago oportuno de salarios \u00a0 ACCION DE TUTELA-Procedencia excepcional pago de acreencias laborales \u00a0 DERECHO A LA VIDA DIGNA DE MUJER EMBARAZADA CABEZA DE FAMILIA-Pago oportuno de salarios \u00a0 INFORMES EN TUTELA-Presunci\u00f3n de veracidad sobre los hechos \u00a0 DERECHO AL MINIMO VITAL DE MUJER EMBARAZADA CABEZA DE FAMILIA-Pago oportuno de salarios \u00a0 EMPLEADOR-Situaci\u00f3n econ\u00f3mica o presupuestal no es \u00f3bice para desconocer obligaciones laborales \u00a0 EMPLEADOR-Asunci\u00f3n, en principio, servicio de salud por mora en aportes \u00a0 FISCALIA GENERAL DE LA NACION-No traslado de aportes para seguridad social por ...<br \/><div class=\"pt-cv-rmwrap\"><a href=\"https:\/\/www.dmsjuridica.com\/buscador_20179478954\/corteconstitucionalcronologico202454587\/t-420-00\/\" class=\"_self pt-cv-readmore btn btn-success\" target=\"_self\">Ver Sentencia Completa...<\/a><\/div><\/div><\/div><\/div>\n<div class=\"col-md-12 col-sm-12 col-xs-12 pt-cv-content-item pt-cv-1-col\" ><div class='pt-cv-ifield'><a href=\"https:\/\/www.dmsjuridica.com\/buscador_20179478954\/corteconstitucionalcronologico202454587\/t-419-00\/\" class=\"_self pt-cv-href-thumbnail pt-cv-thumb-default\" target=\"_self\" ><\/a>\n<div class=\"pt-cv-taxoterm above_title\"><a href='https:\/\/www.dmsjuridica.com\/buscador_20179478954\/corteconstitucionalcronologico202454587\/category\/buscar-en-toda-la-corte\/2000\/tutelas-2000\/' title='Tutelas 2000' class='pt-cv-tax-tutelas-2000'>Tutelas 2000<\/a><\/div>\n<h4 class=\"pt-cv-title\"><a href=\"https:\/\/www.dmsjuridica.com\/buscador_20179478954\/corteconstitucionalcronologico202454587\/t-419-00\/\" class=\"_self\" target=\"_self\" >T-419-00<\/a><\/h4>\n<div class=\"pt-cv-content\">\u00a0 \u00a0 Sentencia T-419\/00 \u00a0 ACCION DE TUTELA-Procedencia excepcional pago de acreencias laborales \u00a0 DERECHO A LA VIDA DIGNA DEL TRABAJADOR-Pago oportuno de salarios \u00a0 DERECHO AL MINIMO VITAL DEL TRABAJADOR-Presunci\u00f3n de afectaci\u00f3n por ausencia prolongada en pago de salarios \u00a0 DERECHO AL MINIMO VITAL DEL TRABAJADOR-Improcedencia de tutela por no demostraci\u00f3n de afectaci\u00f3n \u00a0 Reiteraci\u00f3n de Jurisprudencia \u00a0 Referencia: expediente T-269744 \u00a0 Acci\u00f3n de tutela instaurada por Carmen Mercedes Bonilla C\u00f3rdoba contra la Corporaci\u00f3n Concilio Evang\u00e9lico Independiente de Colombia \u201cCODEINDECOL\u201d. \u00a0 Magistrado Ponente: \u00a0 Dr. ALVARO TAFUR GALVIS \u00a0 Santa Fe de Bogot\u00e1, D.C., a los once (11) d\u00edas ...<br \/><div class=\"pt-cv-rmwrap\"><a href=\"https:\/\/www.dmsjuridica.com\/buscador_20179478954\/corteconstitucionalcronologico202454587\/t-419-00\/\" class=\"_self pt-cv-readmore btn btn-success\" target=\"_self\">Ver Sentencia Completa...<\/a><\/div><\/div><\/div><\/div>\n<div class=\"col-md-12 col-sm-12 col-xs-12 pt-cv-content-item pt-cv-1-col\" ><div class='pt-cv-ifield'><a href=\"https:\/\/www.dmsjuridica.com\/buscador_20179478954\/corteconstitucionalcronologico202454587\/t-418-00\/\" class=\"_self pt-cv-href-thumbnail pt-cv-thumb-default\" target=\"_self\" ><\/a>\n<div class=\"pt-cv-taxoterm above_title\"><a href='https:\/\/www.dmsjuridica.com\/buscador_20179478954\/corteconstitucionalcronologico202454587\/category\/buscar-en-toda-la-corte\/2000\/tutelas-2000\/' title='Tutelas 2000' class='pt-cv-tax-tutelas-2000'>Tutelas 2000<\/a><\/div>\n<h4 class=\"pt-cv-title\"><a href=\"https:\/\/www.dmsjuridica.com\/buscador_20179478954\/corteconstitucionalcronologico202454587\/t-418-00\/\" class=\"_self\" target=\"_self\" >T-418-00<\/a><\/h4>\n<div class=\"pt-cv-content\">\u00a0 \u00a0 Sentencia T-418\/00 \u00a0 ACCION DE TUTELA-Subsidiariedad \u00a0 ACCION DE REINTEGRO DE TRABAJADOR CON FUERO SINDICAL-Eficacia para la protecci\u00f3n de los derechos fundamentales por despido sin previa calificaci\u00f3n judicial \u00a0 PROCESO DE REINTEGRO-Improcedencia de tutela por encontrarse en tr\u00e1mite ante otros jueces \u00a0 Estando en tr\u00e1mite, como ocurre en el caso que nos ocupa, ante jueces competentes los procesos que pretenden el reintegro y los petentes intentaron la acci\u00f3n de tutela con igual prop\u00f3sito esta \u00faltima no est\u00e1 llamada a prosperar; salvo como mecanismo transitorio para impedir un perjuicio irremediable que no se vislumbra en el caso de autos, ...<br \/><div class=\"pt-cv-rmwrap\"><a href=\"https:\/\/www.dmsjuridica.com\/buscador_20179478954\/corteconstitucionalcronologico202454587\/t-418-00\/\" class=\"_self pt-cv-readmore btn btn-success\" target=\"_self\">Ver Sentencia Completa...<\/a><\/div><\/div><\/div><\/div>\n<div class=\"col-md-12 col-sm-12 col-xs-12 pt-cv-content-item pt-cv-1-col\" ><div class='pt-cv-ifield'><a href=\"https:\/\/www.dmsjuridica.com\/buscador_20179478954\/corteconstitucionalcronologico202454587\/t-417-00\/\" class=\"_self pt-cv-href-thumbnail pt-cv-thumb-default\" target=\"_self\" ><\/a>\n<div class=\"pt-cv-taxoterm above_title\"><a href='https:\/\/www.dmsjuridica.com\/buscador_20179478954\/corteconstitucionalcronologico202454587\/category\/buscar-en-toda-la-corte\/2000\/tutelas-2000\/' title='Tutelas 2000' class='pt-cv-tax-tutelas-2000'>Tutelas 2000<\/a><\/div>\n<h4 class=\"pt-cv-title\"><a href=\"https:\/\/www.dmsjuridica.com\/buscador_20179478954\/corteconstitucionalcronologico202454587\/t-417-00\/\" class=\"_self\" target=\"_self\" >T-417-00<\/a><\/h4>\n<div class=\"pt-cv-content\">\u00a0 \u00a0 Sentencia T-417\/00 \u00a0 DERECHO A LA VIDA-Fundamental \u00a0 En todos los casos, el derecho a la vida ha de ser considerado como un derecho indiscutido, puesto que es un derecho humano fundamental que ni siquiera en los estados de excepci\u00f3n m\u00e1s graves puede ser suspendido o limitado por el Estado, y surge como derecho subjetivo en cabeza de cada persona con la existencia misma de su titular, al que acompa\u00f1a hasta la muerte. \u00a0 PRINCIPIO DE PROPORCIONALIDAD-Objeto \u00a0 El principio de la proporcionalidad, es aquella seg\u00fan el cual toda medida del Estado social de derecho debe ser en ...<br \/><div class=\"pt-cv-rmwrap\"><a href=\"https:\/\/www.dmsjuridica.com\/buscador_20179478954\/corteconstitucionalcronologico202454587\/t-417-00\/\" class=\"_self pt-cv-readmore btn btn-success\" target=\"_self\">Ver Sentencia Completa...<\/a><\/div><\/div><\/div><\/div>\n<div class=\"col-md-12 col-sm-12 col-xs-12 pt-cv-content-item pt-cv-1-col\" ><div class='pt-cv-ifield'><a href=\"https:\/\/www.dmsjuridica.com\/buscador_20179478954\/corteconstitucionalcronologico202454587\/t-416-00\/\" class=\"_self pt-cv-href-thumbnail pt-cv-thumb-default\" target=\"_self\" ><\/a>\n<div class=\"pt-cv-taxoterm above_title\"><a href='https:\/\/www.dmsjuridica.com\/buscador_20179478954\/corteconstitucionalcronologico202454587\/category\/buscar-en-toda-la-corte\/2000\/tutelas-2000\/' title='Tutelas 2000' class='pt-cv-tax-tutelas-2000'>Tutelas 2000<\/a><\/div>\n<h4 class=\"pt-cv-title\"><a href=\"https:\/\/www.dmsjuridica.com\/buscador_20179478954\/corteconstitucionalcronologico202454587\/t-416-00\/\" class=\"_self\" target=\"_self\" >T-416-00<\/a><\/h4>\n<div class=\"pt-cv-content\">\u00a0 \u00a0 Sentencia T-416\/00 \u00a0 DERECHO A LA INTIMIDAD PERSONAL EN ESTABLECIMIENTO EDUCATIVO-Quejas contra estudiante \u00a0 Ninguno de los episodios en los que las docentes inquirieron a la actora por sus actuaciones, es ajeno a la vida del colegio; es decir, est\u00e1 claramente establecido que las docentes se han limitado a atender eventos relativos al establecimiento en el que coordinan y prestan el servicio p\u00fablico de la educaci\u00f3n, guard\u00e1ndose de entrometerse en los \u00e1mbitos personales o familiares que no les conciernen directamente, por lo que se puede afirmar que sus intervenciones en la vida de la accionante no han sobrepasado ...<br \/><div class=\"pt-cv-rmwrap\"><a href=\"https:\/\/www.dmsjuridica.com\/buscador_20179478954\/corteconstitucionalcronologico202454587\/t-416-00\/\" class=\"_self pt-cv-readmore btn btn-success\" target=\"_self\">Ver Sentencia Completa...<\/a><\/div><\/div><\/div><\/div>\n<div class=\"col-md-12 col-sm-12 col-xs-12 pt-cv-content-item pt-cv-1-col\" ><div class='pt-cv-ifield'><a href=\"https:\/\/www.dmsjuridica.com\/buscador_20179478954\/corteconstitucionalcronologico202454587\/t-415-00\/\" class=\"_self pt-cv-href-thumbnail pt-cv-thumb-default\" target=\"_self\" ><\/a>\n<div class=\"pt-cv-taxoterm above_title\"><a href='https:\/\/www.dmsjuridica.com\/buscador_20179478954\/corteconstitucionalcronologico202454587\/category\/buscar-en-toda-la-corte\/2000\/tutelas-2000\/' title='Tutelas 2000' class='pt-cv-tax-tutelas-2000'>Tutelas 2000<\/a><\/div>\n<h4 class=\"pt-cv-title\"><a href=\"https:\/\/www.dmsjuridica.com\/buscador_20179478954\/corteconstitucionalcronologico202454587\/t-415-00\/\" class=\"_self\" target=\"_self\" >T-415-00<\/a><\/h4>\n<div class=\"pt-cv-content\">\u00a0 \u00a0 Sentencia T-415\/00 \u00a0 LEGITIMACION POR ACTIVA EN TUTELA-Madre en representaci\u00f3n de recluso \u00a0 Quien se encuentra privado de libertad y enfermo no est\u00e1 en igual situaci\u00f3n para atender a la defensa de sus propios intereses y derechos que la persona que goza de salud y libertad; en el presente caso, debe a\u00f1adirse a lo anotado, que esa persona padece una enfermedad, y requiere el diagn\u00f3stico y el tratamiento que no se puede procurar por cuenta propia; en consecuencia, tanto por su condici\u00f3n econ\u00f3mica, como por la f\u00edsica, se encuentra en circunstancia de debilidad manifiesta, y est\u00e1 llamado a ...<br \/><div class=\"pt-cv-rmwrap\"><a href=\"https:\/\/www.dmsjuridica.com\/buscador_20179478954\/corteconstitucionalcronologico202454587\/t-415-00\/\" class=\"_self pt-cv-readmore btn btn-success\" target=\"_self\">Ver Sentencia Completa...<\/a><\/div><\/div><\/div><\/div>\n<div class=\"col-md-12 col-sm-12 col-xs-12 pt-cv-content-item pt-cv-1-col\" ><div class='pt-cv-ifield'><a href=\"https:\/\/www.dmsjuridica.com\/buscador_20179478954\/corteconstitucionalcronologico202454587\/t-414-00\/\" class=\"_self pt-cv-href-thumbnail pt-cv-thumb-default\" target=\"_self\" ><\/a>\n<div class=\"pt-cv-taxoterm above_title\"><a href='https:\/\/www.dmsjuridica.com\/buscador_20179478954\/corteconstitucionalcronologico202454587\/category\/buscar-en-toda-la-corte\/2000\/tutelas-2000\/' title='Tutelas 2000' class='pt-cv-tax-tutelas-2000'>Tutelas 2000<\/a><\/div>\n<h4 class=\"pt-cv-title\"><a href=\"https:\/\/www.dmsjuridica.com\/buscador_20179478954\/corteconstitucionalcronologico202454587\/t-414-00\/\" class=\"_self\" target=\"_self\" >T-414-00<\/a><\/h4>\n<div class=\"pt-cv-content\">\u00a0 \u00a0 Sentencia T-414\/00 \u00a0 ACCION DE TUTELA-Improcedencia por no ejercicio oportuno de mecanismo judicial \u00a0 Mal har\u00eda el juez de tutela en prestarse para que, en claro desconocimiento de las formas propias de cada juicio, se pretenda resolver en sede de tutela, un asunto que por incuria no se someti\u00f3 a la decisi\u00f3n de los jueces competentes para solucionarlo. Vale la pena aclarar que la acci\u00f3n de tutela no se instaur\u00f3 como mecanismo transitorio para evitar un perjuicio irremediable, y que tal clase de perjuicio no se configura en este caso, ya que el t\u00edtulo en el que se ...<br \/><div class=\"pt-cv-rmwrap\"><a href=\"https:\/\/www.dmsjuridica.com\/buscador_20179478954\/corteconstitucionalcronologico202454587\/t-414-00\/\" class=\"_self pt-cv-readmore btn btn-success\" target=\"_self\">Ver Sentencia Completa...<\/a><\/div><\/div><\/div><\/div>\n<div class=\"col-md-12 col-sm-12 col-xs-12 pt-cv-content-item pt-cv-1-col\" ><div class='pt-cv-ifield'><a href=\"https:\/\/www.dmsjuridica.com\/buscador_20179478954\/corteconstitucionalcronologico202454587\/t-413-00\/\" class=\"_self pt-cv-href-thumbnail pt-cv-thumb-default\" target=\"_self\" ><\/a>\n<div class=\"pt-cv-taxoterm above_title\"><a href='https:\/\/www.dmsjuridica.com\/buscador_20179478954\/corteconstitucionalcronologico202454587\/category\/buscar-en-toda-la-corte\/2000\/tutelas-2000\/' title='Tutelas 2000' class='pt-cv-tax-tutelas-2000'>Tutelas 2000<\/a><\/div>\n<h4 class=\"pt-cv-title\"><a href=\"https:\/\/www.dmsjuridica.com\/buscador_20179478954\/corteconstitucionalcronologico202454587\/t-413-00\/\" class=\"_self\" target=\"_self\" >T-413-00<\/a><\/h4>\n<div class=\"pt-cv-content\">\u00a0 \u00a0 Sentencia T-413\/00 \u00a0 CONMUTACION PENSIONAL-Dilataci\u00f3n por Compa\u00f1\u00eda de inversiones de Flota Mercante que afecta derechos de jubilados \u00a0 CONMUTACION PENSIONAL-Procedimientos, estudios y propuestas para la efectividad no pueden afectar pago oportuno de mesadas\u00a0 \u00a0 DERECHO A LA VIDA DIGNA-Pago oportuno de mesadas pensionales por Compa\u00f1\u00eda de Inversiones de la Flota Mercante \u00a0 Referencia: expedientes T-277493, T-300129, T-301204.\u00a0 \u00a0 Peticionarios: Rufino Amalio Suarez Tapia, Januario Antonio Cuesta Rojas y Jorge Alberto Lagos Beltr\u00e1n. \u00a0 Magistrado Ponente:\u00a0 \u00a0 Dr. ALFREDO BELTR\u00c1N SIERRA. \u00a0 Santaf\u00e9 de Bogot\u00e1, D.C., abril once (11) de dos mil (2000). \u00a0 La Sala Segunda de Revisi\u00f3n ...<br \/><div class=\"pt-cv-rmwrap\"><a href=\"https:\/\/www.dmsjuridica.com\/buscador_20179478954\/corteconstitucionalcronologico202454587\/t-413-00\/\" class=\"_self pt-cv-readmore btn btn-success\" target=\"_self\">Ver Sentencia Completa...<\/a><\/div><\/div><\/div><\/div>\n<div class=\"col-md-12 col-sm-12 col-xs-12 pt-cv-content-item pt-cv-1-col\" ><div class='pt-cv-ifield'><a href=\"https:\/\/www.dmsjuridica.com\/buscador_20179478954\/corteconstitucionalcronologico202454587\/t-412-00\/\" class=\"_self pt-cv-href-thumbnail pt-cv-thumb-default\" target=\"_self\" ><\/a>\n<div class=\"pt-cv-taxoterm above_title\"><a href='https:\/\/www.dmsjuridica.com\/buscador_20179478954\/corteconstitucionalcronologico202454587\/category\/buscar-en-toda-la-corte\/2000\/tutelas-2000\/' title='Tutelas 2000' class='pt-cv-tax-tutelas-2000'>Tutelas 2000<\/a><\/div>\n<h4 class=\"pt-cv-title\"><a href=\"https:\/\/www.dmsjuridica.com\/buscador_20179478954\/corteconstitucionalcronologico202454587\/t-412-00\/\" class=\"_self\" target=\"_self\" >T-412-00<\/a><\/h4>\n<div class=\"pt-cv-content\">\u00a0 \u00a0 Sentencia T-412\/00 \u00a0 VIA DE HECHO-Inexistencia en proceso de restituci\u00f3n de menor por no escucharlo directamente \u00a0 Dado que lo que se defin\u00eda en el proceso mencionado era la restituci\u00f3n del menor y no el derecho de guarda o de custodia, la decisi\u00f3n de no escuchar directamente la opini\u00f3n del ni\u00f1o de seis a\u00f1os - que ha permanecido por m\u00e1s de dos a\u00f1os en el hogar paterno; lejos de su madre y en contra de la voluntad de est\u00e1; sin conocer la raz\u00f3n que explica tal distanciamiento; y sin que exista siquiera alg\u00fan indicio sobre posible violencia o ...<br \/><div class=\"pt-cv-rmwrap\"><a href=\"https:\/\/www.dmsjuridica.com\/buscador_20179478954\/corteconstitucionalcronologico202454587\/t-412-00\/\" class=\"_self pt-cv-readmore btn btn-success\" target=\"_self\">Ver Sentencia Completa...<\/a><\/div><\/div><\/div><\/div>\n<div class=\"col-md-12 col-sm-12 col-xs-12 pt-cv-content-item pt-cv-1-col\" ><div class='pt-cv-ifield'><a href=\"https:\/\/www.dmsjuridica.com\/buscador_20179478954\/corteconstitucionalcronologico202454587\/t-411-00\/\" class=\"_self pt-cv-href-thumbnail pt-cv-thumb-default\" target=\"_self\" ><\/a>\n<div class=\"pt-cv-taxoterm above_title\"><a href='https:\/\/www.dmsjuridica.com\/buscador_20179478954\/corteconstitucionalcronologico202454587\/category\/buscar-en-toda-la-corte\/2000\/tutelas-2000\/' title='Tutelas 2000' class='pt-cv-tax-tutelas-2000'>Tutelas 2000<\/a><\/div>\n<h4 class=\"pt-cv-title\"><a href=\"https:\/\/www.dmsjuridica.com\/buscador_20179478954\/corteconstitucionalcronologico202454587\/t-411-00\/\" class=\"_self\" target=\"_self\" >T-411-00<\/a><\/h4>\n<div class=\"pt-cv-content\">\u00a0 \u00a0 Sentencia T-411\/00 \u00a0 REGULACION JURIDICA DEL SUBSIDIO DE TRATAMIENTO PARA LOS ENFERMOS DE LEPRA-Alcance \u00a0 REGULACION JURIDICA DEL SUBSIDIO DE TRATAMIENTO PARA LOS ENFERMOS DE LEPRA-Asignaci\u00f3n \u00a0 Cabe concluir que, como lo se\u00f1ala el Ministerio de Salud, el art\u00edculo 1\u00b0 de la ley 380 de 1997 no constituye una censura definitiva para con la reglamentaci\u00f3n anterior, sino que representa un desarrollo de la regulaci\u00f3n jur\u00eddica existente sobre la asignaci\u00f3n de los subsidios de tratamiento para los enfermos de lepra. Con todo, la ley 380 es m\u00e1s amplia en lo relacionado con el derecho a la obtenci\u00f3n de los ...<br \/><div class=\"pt-cv-rmwrap\"><a href=\"https:\/\/www.dmsjuridica.com\/buscador_20179478954\/corteconstitucionalcronologico202454587\/t-411-00\/\" class=\"_self pt-cv-readmore btn btn-success\" target=\"_self\">Ver Sentencia Completa...<\/a><\/div><\/div><\/div><\/div>\n<div class=\"col-md-12 col-sm-12 col-xs-12 pt-cv-content-item pt-cv-1-col\" ><div class='pt-cv-ifield'><a href=\"https:\/\/www.dmsjuridica.com\/buscador_20179478954\/corteconstitucionalcronologico202454587\/t-410-00\/\" class=\"_self pt-cv-href-thumbnail pt-cv-thumb-default\" target=\"_self\" ><\/a>\n<div class=\"pt-cv-taxoterm above_title\"><a href='https:\/\/www.dmsjuridica.com\/buscador_20179478954\/corteconstitucionalcronologico202454587\/category\/buscar-en-toda-la-corte\/2000\/tutelas-2000\/' title='Tutelas 2000' class='pt-cv-tax-tutelas-2000'>Tutelas 2000<\/a><\/div>\n<h4 class=\"pt-cv-title\"><a href=\"https:\/\/www.dmsjuridica.com\/buscador_20179478954\/corteconstitucionalcronologico202454587\/t-410-00\/\" class=\"_self\" target=\"_self\" >T-410-00<\/a><\/h4>\n<div class=\"pt-cv-content\">\u00a0 \u00a0 Sentencia T-410\/00 \u00a0 ACCION DE TUTELA-Procedencia excepcional pago de acreencias laborales \u00a0 DERECHO AL MINIMO VITAL DEL PENSIONADO-Pago oportuno de mesadas \u00a0 SUSTITUCION PENSIONAL-Pago oportuno de mesadas \u00a0 FONDO NACIONAL DE PENSIONES DE ENTIDADES TERRITORIALES-Pago de mesadas\u00a0 \u00a0 Reiteraci\u00f3n de Jurisprudencia \u00a0 Referencia: expediente T-268963 \u00a0 Acci\u00f3n de tutela instaurada por Serafina Pandales contra el Municipio de Buenaventura. \u00a0 Magistrado ponente: \u00a0 Dr. ALVARO TAFUR GALVIS \u00a0 La Sala Novena de Revisi\u00f3n de la Corte Constitucional, en ejercicio de sus competencias constitucionales y legales, en particular las previstas contenidas en los art\u00edculos 86 y 241, numeral 9, de ...<br \/><div class=\"pt-cv-rmwrap\"><a href=\"https:\/\/www.dmsjuridica.com\/buscador_20179478954\/corteconstitucionalcronologico202454587\/t-410-00\/\" class=\"_self pt-cv-readmore btn btn-success\" target=\"_self\">Ver Sentencia Completa...<\/a><\/div><\/div><\/div><\/div>\n<div class=\"col-md-12 col-sm-12 col-xs-12 pt-cv-content-item pt-cv-1-col\" ><div class='pt-cv-ifield'><a href=\"https:\/\/www.dmsjuridica.com\/buscador_20179478954\/corteconstitucionalcronologico202454587\/t-409-00\/\" class=\"_self pt-cv-href-thumbnail pt-cv-thumb-default\" target=\"_self\" ><\/a>\n<div class=\"pt-cv-taxoterm above_title\"><a href='https:\/\/www.dmsjuridica.com\/buscador_20179478954\/corteconstitucionalcronologico202454587\/category\/buscar-en-toda-la-corte\/2000\/tutelas-2000\/' title='Tutelas 2000' class='pt-cv-tax-tutelas-2000'>Tutelas 2000<\/a><\/div>\n<h4 class=\"pt-cv-title\"><a href=\"https:\/\/www.dmsjuridica.com\/buscador_20179478954\/corteconstitucionalcronologico202454587\/t-409-00\/\" class=\"_self\" target=\"_self\" >T-409-00<\/a><\/h4>\n<div class=\"pt-cv-content\">\u00a0 \u00a0 Sentencia T-409\/00 \u00a0 VIDA-Derecho cualificado \u00a0 DERECHO A LA INTEGRIDAD PERSONAL-Salud mental y sicol\u00f3gica \u00a0 DERECHO A LA VIDA DIGNA-Salud mental y sicol\u00f3gica \u00a0 DERECHO A LA SALUD MENTAL-Suministro de medicamentos para estado depresivo excluidos del POS \u00a0 INAPLICACION DE NORMAS DEL PLAN OBLIGATORIO DE SALUD-Suministro de medicamentos para estado depresivo excluido de listado oficial \u00a0 FONDO DE SOLIDARIDAD Y GARANTIA DEL MINISTERIO DE SALUD-Repetici\u00f3n de EPS por valor de medicamento excluido del POS \u00a0 Reiteraci\u00f3n de jurisprudencia \u00a0 Referencia: expediente T-267824 \u00a0 Acci\u00f3n de tutela incoada por Mar\u00eda Victoria Jaramilo De Duque contra el Instituto de \u00a0Seguro ...<br \/><div class=\"pt-cv-rmwrap\"><a href=\"https:\/\/www.dmsjuridica.com\/buscador_20179478954\/corteconstitucionalcronologico202454587\/t-409-00\/\" class=\"_self pt-cv-readmore btn btn-success\" target=\"_self\">Ver Sentencia Completa...<\/a><\/div><\/div><\/div><\/div>\n<div class=\"col-md-12 col-sm-12 col-xs-12 pt-cv-content-item pt-cv-1-col\" ><div class='pt-cv-ifield'><a href=\"https:\/\/www.dmsjuridica.com\/buscador_20179478954\/corteconstitucionalcronologico202454587\/t-408-00\/\" class=\"_self pt-cv-href-thumbnail pt-cv-thumb-default\" target=\"_self\" ><\/a>\n<div class=\"pt-cv-taxoterm above_title\"><a href='https:\/\/www.dmsjuridica.com\/buscador_20179478954\/corteconstitucionalcronologico202454587\/category\/buscar-en-toda-la-corte\/2000\/tutelas-2000\/' title='Tutelas 2000' class='pt-cv-tax-tutelas-2000'>Tutelas 2000<\/a><\/div>\n<h4 class=\"pt-cv-title\"><a href=\"https:\/\/www.dmsjuridica.com\/buscador_20179478954\/corteconstitucionalcronologico202454587\/t-408-00\/\" class=\"_self\" target=\"_self\" >T-408-00<\/a><\/h4>\n<div class=\"pt-cv-content\">\u00a0 \u00a0 Sentencia T-408\/00 \u00a0 ACCION DE TUTELA-Procedencia excepcional pago de acreencias laborales \u00a0 ACCION DE TUTELA-Improcedencia de reconocimiento de pensi\u00f3n \u00a0 PENSION DE JUBILACION-Revisi\u00f3n negativa de reconocimiento atendiendo totalidad de tiempo laborado \u00a0 PRINCIPIO DE FAVORABILIDAD LABORAL-Revisi\u00f3n negativa de reconocimiento de pensi\u00f3n atendiendo totalidad de tiempo laborado \u00a0 Reiteraci\u00f3n de jurisprudencia \u00a0 Referencia: expediente T-261199 \u00a0 Acci\u00f3n de tutela interpuesta por Roberto Torres Barrera, contra la Caja Nacional de Previsi\u00f3n Social. \u00a0 Magistrado Ponente: \u00a0 Dr. ALVARO TAFUR GALVIS \u00a0 Santa Fe de Bogot\u00e1, D.C., a los diez (10) d\u00edas del mes de abril de dos mil (2000). \u00a0 ...<br \/><div class=\"pt-cv-rmwrap\"><a href=\"https:\/\/www.dmsjuridica.com\/buscador_20179478954\/corteconstitucionalcronologico202454587\/t-408-00\/\" class=\"_self pt-cv-readmore btn btn-success\" target=\"_self\">Ver Sentencia Completa...<\/a><\/div><\/div><\/div><\/div>\n<div class=\"col-md-12 col-sm-12 col-xs-12 pt-cv-content-item pt-cv-1-col\" ><div class='pt-cv-ifield'><a href=\"https:\/\/www.dmsjuridica.com\/buscador_20179478954\/corteconstitucionalcronologico202454587\/t-407-00\/\" class=\"_self pt-cv-href-thumbnail pt-cv-thumb-default\" target=\"_self\" ><\/a>\n<div class=\"pt-cv-taxoterm above_title\"><a href='https:\/\/www.dmsjuridica.com\/buscador_20179478954\/corteconstitucionalcronologico202454587\/category\/buscar-en-toda-la-corte\/2000\/tutelas-2000\/' title='Tutelas 2000' class='pt-cv-tax-tutelas-2000'>Tutelas 2000<\/a><\/div>\n<h4 class=\"pt-cv-title\"><a href=\"https:\/\/www.dmsjuridica.com\/buscador_20179478954\/corteconstitucionalcronologico202454587\/t-407-00\/\" class=\"_self\" target=\"_self\" >T-407-00<\/a><\/h4>\n<div class=\"pt-cv-content\">\u00a0 \u00a0 Sentencia T-407\/00 \u00a0 DERECHO A LA VIDA DIGNA DE PERSONA DE LA TERCERA EDAD-Pago oportuno de mesadas pensionales \u00a0 DERECHO AL MINIMO VITAL DEL PENSIONADO-Pago oportuno de mesadas \u00a0 FONDO NACIONAL DE PENSIONES DE ENTIDADES TERRITORIALES-Pago de mesadas\u00a0 \u00a0 Reiteraci\u00f3n de jurisprudencia \u00a0 Referencia: expediente T-267852\u00a0 \u00a0 Acci\u00f3n de tutela instaurada por Horacio Arango Constante contra el \u00a0Municipio de Ci\u00e9naga (Magdalena) \u00a0 \u00a0 Magistrado ponente: \u00a0 Dr. ALVARO TAFUR GALVIS \u00a0 Santa Fe de Bogot\u00e1 D.C., a los diez (10) d\u00edas del mes de abril de dos mil (2000). \u00a0 La Sala Novena de Revisi\u00f3n de la Corte ...<br \/><div class=\"pt-cv-rmwrap\"><a href=\"https:\/\/www.dmsjuridica.com\/buscador_20179478954\/corteconstitucionalcronologico202454587\/t-407-00\/\" class=\"_self pt-cv-readmore btn btn-success\" target=\"_self\">Ver Sentencia Completa...<\/a><\/div><\/div><\/div><\/div>\n<div class=\"col-md-12 col-sm-12 col-xs-12 pt-cv-content-item pt-cv-1-col\" ><div class='pt-cv-ifield'><a href=\"https:\/\/www.dmsjuridica.com\/buscador_20179478954\/corteconstitucionalcronologico202454587\/t-406-00\/\" class=\"_self pt-cv-href-thumbnail pt-cv-thumb-default\" target=\"_self\" ><\/a>\n<div class=\"pt-cv-taxoterm above_title\"><a href='https:\/\/www.dmsjuridica.com\/buscador_20179478954\/corteconstitucionalcronologico202454587\/category\/buscar-en-toda-la-corte\/2000\/tutelas-2000\/' title='Tutelas 2000' class='pt-cv-tax-tutelas-2000'>Tutelas 2000<\/a><\/div>\n<h4 class=\"pt-cv-title\"><a href=\"https:\/\/www.dmsjuridica.com\/buscador_20179478954\/corteconstitucionalcronologico202454587\/t-406-00\/\" class=\"_self\" target=\"_self\" >T-406-00<\/a><\/h4>\n<div class=\"pt-cv-content\">\u00a0 \u00a0 Sentencia T-406\/00 \u00a0 DERECHO A LA ESTABILIDAD LABORAL REFORZADA DE MUJER EMBARAZADA-Protecci\u00f3n constitucional especial \u00a0 ACCION DE TUTELA TRANSITORIA DEL DERECHO A LA ESTABILIDAD LABORAL REFORZADA DE MUJER EMBARAZADA-Elementos f\u00e1cticos que deben demostrarse \u00a0 ACCION DE TUTELA TRANSITORIA DEL DERECHO A LA ESTABILIDAD LABORAL REFORZADA DE MUJER EMBARAZADA-Indemnizaci\u00f3n y reintegro \u00a0 Referencia: expediente T 265976 \u00a0 Magistrado ponente: \u00a0 Dr. ALVARO TAFUR GALVIS \u00a0 Santa Fe de Bogot\u00e1, D.C., a los diez (10) d\u00edas del mes de abril de dos mil (2000). \u00a0 SENTENCIA \u00a0 en el proceso de revisi\u00f3n del fallo adoptado por el Juzgado Cuarto Laboral ...<br \/><div class=\"pt-cv-rmwrap\"><a href=\"https:\/\/www.dmsjuridica.com\/buscador_20179478954\/corteconstitucionalcronologico202454587\/t-406-00\/\" class=\"_self pt-cv-readmore btn btn-success\" target=\"_self\">Ver Sentencia Completa...<\/a><\/div><\/div><\/div><\/div>\n<div class=\"col-md-12 col-sm-12 col-xs-12 pt-cv-content-item pt-cv-1-col\" ><div class='pt-cv-ifield'><a href=\"https:\/\/www.dmsjuridica.com\/buscador_20179478954\/corteconstitucionalcronologico202454587\/t-405-00\/\" class=\"_self pt-cv-href-thumbnail pt-cv-thumb-default\" target=\"_self\" ><\/a>\n<div class=\"pt-cv-taxoterm above_title\"><a href='https:\/\/www.dmsjuridica.com\/buscador_20179478954\/corteconstitucionalcronologico202454587\/category\/buscar-en-toda-la-corte\/2000\/tutelas-2000\/' title='Tutelas 2000' class='pt-cv-tax-tutelas-2000'>Tutelas 2000<\/a><\/div>\n<h4 class=\"pt-cv-title\"><a href=\"https:\/\/www.dmsjuridica.com\/buscador_20179478954\/corteconstitucionalcronologico202454587\/t-405-00\/\" class=\"_self\" target=\"_self\" >T-405-00<\/a><\/h4>\n<div class=\"pt-cv-content\">\u00a0 \u00a0 Sentencia T-405\/00 \u00a0 DERECHO DE PETICION-Pronta resoluci\u00f3n sobre reconocimiento de pensi\u00f3n \u00a0 DERECHO DE PETICION-No constituye respuesta informaci\u00f3n suministrada al juez de tutela \u00a0 Reiteraci\u00f3n de jurisprudencia \u00a0 Referencia: expediente T-270138 \u00a0 Acci\u00f3n de tutela instaurada por Ludys Pilar Carri\u00f3n de Valle contra la Secretar\u00eda de Educaci\u00f3n Distrital y el Fondo Nacional de Prestaciones Sociales del Magisterio\u00a0 \u00a0 Magistrado Ponente: \u00a0 Dr. ALVARO TAFUR GALVIS \u00a0 Santa Fe de Bogot\u00e1, D.C., a los diez (10) d\u00edas del mes de abril de dos mil (2000). \u00a0 La Sala Novena de Revisi\u00f3n de la Corte Constitucional, en ejercicio de sus ...<br \/><div class=\"pt-cv-rmwrap\"><a href=\"https:\/\/www.dmsjuridica.com\/buscador_20179478954\/corteconstitucionalcronologico202454587\/t-405-00\/\" class=\"_self pt-cv-readmore btn btn-success\" target=\"_self\">Ver Sentencia Completa...<\/a><\/div><\/div><\/div><\/div>\n<div class=\"col-md-12 col-sm-12 col-xs-12 pt-cv-content-item pt-cv-1-col\" ><div class='pt-cv-ifield'><a href=\"https:\/\/www.dmsjuridica.com\/buscador_20179478954\/corteconstitucionalcronologico202454587\/t-404-00\/\" class=\"_self pt-cv-href-thumbnail pt-cv-thumb-default\" target=\"_self\" ><\/a>\n<div class=\"pt-cv-taxoterm above_title\"><a href='https:\/\/www.dmsjuridica.com\/buscador_20179478954\/corteconstitucionalcronologico202454587\/category\/buscar-en-toda-la-corte\/2000\/tutelas-2000\/' title='Tutelas 2000' class='pt-cv-tax-tutelas-2000'>Tutelas 2000<\/a><\/div>\n<h4 class=\"pt-cv-title\"><a href=\"https:\/\/www.dmsjuridica.com\/buscador_20179478954\/corteconstitucionalcronologico202454587\/t-404-00\/\" class=\"_self\" target=\"_self\" >T-404-00<\/a><\/h4>\n<div class=\"pt-cv-content\">\u00a0 \u00a0 Sentencia T-404\/00 \u00a0 ACCION DE TUTELA-Hecho superado \u00a0 DERECHO DE PETICION-Pronta resoluci\u00f3n \u00a0 DERECHO DE PETICION Y DERECHO A LO PEDIDO-Diferencias \u00a0 Reiteraci\u00f3n de jurisprudencia \u00a0 Referencia: expediente T-268208 \u00a0 Acci\u00f3n de tutela instaurada por \u00a0Jos\u00e9 Antonio \u00a0Delgado Beter\u00e9 contra el Instituto de Seguro Social \u00a0 Magistrado Ponente: \u00a0 Dr. ALVARO TAFUR GALVIS\u00a0 \u00a0 Santa Fe de Bogot\u00e1, D.C., a los diez \u00a0(10 ) d\u00edas del mes de abril de dos mil (2000). \u00a0 La Sala Novena de Revisi\u00f3n de la Corte Constitucional, en ejercicio de sus competencias constitucionales y legales, en especial las previstas en los art\u00edculos ...<br \/><div class=\"pt-cv-rmwrap\"><a href=\"https:\/\/www.dmsjuridica.com\/buscador_20179478954\/corteconstitucionalcronologico202454587\/t-404-00\/\" class=\"_self pt-cv-readmore btn btn-success\" target=\"_self\">Ver Sentencia Completa...<\/a><\/div><\/div><\/div><\/div>\n<div class=\"col-md-12 col-sm-12 col-xs-12 pt-cv-content-item pt-cv-1-col\" ><div class='pt-cv-ifield'><a href=\"https:\/\/www.dmsjuridica.com\/buscador_20179478954\/corteconstitucionalcronologico202454587\/t-403-00\/\" class=\"_self pt-cv-href-thumbnail pt-cv-thumb-default\" target=\"_self\" ><\/a>\n<div class=\"pt-cv-taxoterm above_title\"><a href='https:\/\/www.dmsjuridica.com\/buscador_20179478954\/corteconstitucionalcronologico202454587\/category\/buscar-en-toda-la-corte\/2000\/tutelas-2000\/' title='Tutelas 2000' class='pt-cv-tax-tutelas-2000'>Tutelas 2000<\/a><\/div>\n<h4 class=\"pt-cv-title\"><a href=\"https:\/\/www.dmsjuridica.com\/buscador_20179478954\/corteconstitucionalcronologico202454587\/t-403-00\/\" class=\"_self\" target=\"_self\" >T-403-00<\/a><\/h4>\n<div class=\"pt-cv-content\">\u00a0 \u00a0 Sentencia T-403\/00 \u00a0 ACCION DE TUTELA CONTRA PARTICULARES-Procedencia excepcional\/SUBORDINACION LABORAL-Pago oportuno de salarios \u00a0 ACCION DE TUTELA-Procedencia excepcional pago de acreencias laborales\/DERECHO A LA VIDA DIGNA DEL TRABAJADOR-Pago oportuno de salarios \u00a0 DERECHO A LA VIDA DIGNA DEL TRABAJADOR-Pago oportuno y completo de un mes de salario\u00a0 \u00a0 El no pago puntual y completo del salario, aunque sea de un mes, puede comprometer la subsistencia de las personas que ven amenazado el normal fluir de sus condiciones elementales de vida, al carecer del \u00fanico ingreso que les permite atender necesidades de salud, compromisos familiares, educaci\u00f3n de los hijos, ...<br \/><div class=\"pt-cv-rmwrap\"><a href=\"https:\/\/www.dmsjuridica.com\/buscador_20179478954\/corteconstitucionalcronologico202454587\/t-403-00\/\" class=\"_self pt-cv-readmore btn btn-success\" target=\"_self\">Ver Sentencia Completa...<\/a><\/div><\/div><\/div><\/div>\n<div class=\"col-md-12 col-sm-12 col-xs-12 pt-cv-content-item pt-cv-1-col\" ><div class='pt-cv-ifield'><a href=\"https:\/\/www.dmsjuridica.com\/buscador_20179478954\/corteconstitucionalcronologico202454587\/t-402-00\/\" class=\"_self pt-cv-href-thumbnail pt-cv-thumb-default\" target=\"_self\" ><\/a>\n<div class=\"pt-cv-taxoterm above_title\"><a href='https:\/\/www.dmsjuridica.com\/buscador_20179478954\/corteconstitucionalcronologico202454587\/category\/buscar-en-toda-la-corte\/2000\/tutelas-2000\/' title='Tutelas 2000' class='pt-cv-tax-tutelas-2000'>Tutelas 2000<\/a><\/div>\n<h4 class=\"pt-cv-title\"><a href=\"https:\/\/www.dmsjuridica.com\/buscador_20179478954\/corteconstitucionalcronologico202454587\/t-402-00\/\" class=\"_self\" target=\"_self\" >T-402-00<\/a><\/h4>\n<div class=\"pt-cv-content\">\u00a0 \u00a0 Sentencia T-402\/00 \u00a0 DERECHO AL TRABAJO EN CONDICIONES DIGNAS Y JUSTAS-Pago oportuno de salarios \u00a0 DERECHO AL PAGO OPORTUNO DEL SALARIO-Fundamental \u00a0 ESTABLECIMIENTO HOSPITALARIO-Situaci\u00f3n econ\u00f3mica o presupuestal no es \u00f3bice para desconocer obligaciones laborales \u00a0 DERECHO AL MINIMO VITAL DEL TRABAJADOR-Pago oportuno de salarios \u00a0 Reiteraci\u00f3n de jurisprudencia \u00a0 Referencia: expediente T-267159 \u00a0 Acci\u00f3n de tutela incoada por Maria Emilia Mancilla Mezu contra el \"Hospital Mario Correa Rengifo\". \u00a0 Dr. ALVARO TAFUR GALVIS \u00a0 Santa Fe de Bogot\u00e1, D.C., a los diez (10) d\u00edas del mes de abril de dos mil (2000). \u00a0 La Sala Novena de Revisi\u00f3n ...<br \/><div class=\"pt-cv-rmwrap\"><a href=\"https:\/\/www.dmsjuridica.com\/buscador_20179478954\/corteconstitucionalcronologico202454587\/t-402-00\/\" class=\"_self pt-cv-readmore btn btn-success\" target=\"_self\">Ver Sentencia Completa...<\/a><\/div><\/div><\/div><\/div>\n<div class=\"col-md-12 col-sm-12 col-xs-12 pt-cv-content-item pt-cv-1-col\" ><div class='pt-cv-ifield'><a href=\"https:\/\/www.dmsjuridica.com\/buscador_20179478954\/corteconstitucionalcronologico202454587\/t-401-00\/\" class=\"_self pt-cv-href-thumbnail pt-cv-thumb-default\" target=\"_self\" ><\/a>\n<div class=\"pt-cv-taxoterm above_title\"><a href='https:\/\/www.dmsjuridica.com\/buscador_20179478954\/corteconstitucionalcronologico202454587\/category\/buscar-en-toda-la-corte\/2000\/tutelas-2000\/' title='Tutelas 2000' class='pt-cv-tax-tutelas-2000'>Tutelas 2000<\/a><\/div>\n<h4 class=\"pt-cv-title\"><a href=\"https:\/\/www.dmsjuridica.com\/buscador_20179478954\/corteconstitucionalcronologico202454587\/t-401-00\/\" class=\"_self\" target=\"_self\" >T-401-00<\/a><\/h4>\n<div class=\"pt-cv-content\">\u00a0 \u00a0 Sentencia T-401\/00 \u00a0 ACCION DE TUTELA-Improcedencia general pago de acreencias laborales \u00a0 DERECHO AL MINIMO VITAL-Vulneraci\u00f3n por no pago de salarios ni mesadas pensionales\/DERECHO A LA VIDA DIGNA-Pago de salarios y mesadas pensionales \u00a0 ACCION DE TUTELA-Procedencia excepcional pago de acreencias laborales \u00a0 Reiteraci\u00f3n de jurisprudencia \u00a0 Acciones de tutela instauradas por Luz Dary Moreno de Palomino, Tilcia Quiroga de Hern\u00e1ndez, Carlos Arturo Ort\u00edz Pardo, Jos\u00e9 Mar\u00eda Mateus Rojas, Jos\u00e9 Orlando Ram\u00edrez y Jos\u00e9 Manuel Galeano L\u00f3pez contra el Hospital San Juan de Dios de V\u00e9lez, (Santander). \u00a0 Magistrado Ponente: \u00a0 Dr. ALVARO TAFUR GALVIS \u00a0 Santa Fe ...<br \/><div class=\"pt-cv-rmwrap\"><a href=\"https:\/\/www.dmsjuridica.com\/buscador_20179478954\/corteconstitucionalcronologico202454587\/t-401-00\/\" class=\"_self pt-cv-readmore btn btn-success\" target=\"_self\">Ver Sentencia Completa...<\/a><\/div><\/div><\/div><\/div>\n<div class=\"col-md-12 col-sm-12 col-xs-12 pt-cv-content-item pt-cv-1-col\" ><div class='pt-cv-ifield'><a href=\"https:\/\/www.dmsjuridica.com\/buscador_20179478954\/corteconstitucionalcronologico202454587\/t-400-00\/\" class=\"_self pt-cv-href-thumbnail pt-cv-thumb-default\" target=\"_self\" ><\/a>\n<div class=\"pt-cv-taxoterm above_title\"><a href='https:\/\/www.dmsjuridica.com\/buscador_20179478954\/corteconstitucionalcronologico202454587\/category\/buscar-en-toda-la-corte\/2000\/tutelas-2000\/' title='Tutelas 2000' class='pt-cv-tax-tutelas-2000'>Tutelas 2000<\/a><\/div>\n<h4 class=\"pt-cv-title\"><a href=\"https:\/\/www.dmsjuridica.com\/buscador_20179478954\/corteconstitucionalcronologico202454587\/t-400-00\/\" class=\"_self\" target=\"_self\" >T-400-00<\/a><\/h4>\n<div class=\"pt-cv-content\">\u00a0 \u00a0 Sentencia T-400\/00 \u00a0 DERECHO A LA EDUCACION DEL NI\u00d1O-Prohibici\u00f3n de retiro en a\u00f1o lectivo y grados que la Constituci\u00f3n se\u00f1ala \u00a0 Reiteraci\u00f3n de jurisprudencia \u00a0 Referencia: expediente T-273906 \u00a0 Peticionaria: Edilma Alicia Hern\u00e1ndez D\u00edaz \u00a0 Magistrado Ponente: \u00a0 Dr. EDUARDO CIFUENTES MU\u00d1OZ \u00a0 Santa Fe de Bogot\u00e1, D.C., abril seis (6) de dos mil (2000) \u00a0 Edilma Alicia Hern\u00e1ndez D\u00edaz interpone acci\u00f3n de tutela, en calidad de madre de Edilma Alicia Hern\u00e1ndez, contra el Colegio La Presentaci\u00f3n San Fernando Ltda., representada por la Madre Superiora Teresa Acosta. La demandante manifiesta que al momento de matricular a su hija ...<br \/><div class=\"pt-cv-rmwrap\"><a href=\"https:\/\/www.dmsjuridica.com\/buscador_20179478954\/corteconstitucionalcronologico202454587\/t-400-00\/\" class=\"_self pt-cv-readmore btn btn-success\" target=\"_self\">Ver Sentencia Completa...<\/a><\/div><\/div><\/div><\/div>\n<div class=\"col-md-12 col-sm-12 col-xs-12 pt-cv-content-item pt-cv-1-col\" ><div class='pt-cv-ifield'><a href=\"https:\/\/www.dmsjuridica.com\/buscador_20179478954\/corteconstitucionalcronologico202454587\/t-399-00\/\" class=\"_self pt-cv-href-thumbnail pt-cv-thumb-default\" target=\"_self\" ><\/a>\n<div class=\"pt-cv-taxoterm above_title\"><a href='https:\/\/www.dmsjuridica.com\/buscador_20179478954\/corteconstitucionalcronologico202454587\/category\/buscar-en-toda-la-corte\/2000\/tutelas-2000\/' title='Tutelas 2000' class='pt-cv-tax-tutelas-2000'>Tutelas 2000<\/a><\/div>\n<h4 class=\"pt-cv-title\"><a href=\"https:\/\/www.dmsjuridica.com\/buscador_20179478954\/corteconstitucionalcronologico202454587\/t-399-00\/\" class=\"_self\" target=\"_self\" >T-399-00<\/a><\/h4>\n<div class=\"pt-cv-content\">\u00a0 \u00a0 Sentencia T-399\/00 \u00a0 TITULO EJECUTIVO-Requisitos para que el documento se considere como tal \u00a0 La norma legal en cuesti\u00f3n define dos requisitos que debe cumplir un documento a fin de que se considere como t\u00edtulo ejecutivo: (i) que en el documento conste la existencia de una deuda generada en una relaci\u00f3n laboral, \u00a0(ii) que el documento emane del deudor. \u00a0La informaci\u00f3n sobre la deuda debe ser suficiente para que la obligaci\u00f3n resulte clara, expresa y exigible. Es decir, no basta que el documento contenga alguno de los elementos de los cuales puede inferirse la eventual existencia de una ...<br \/><div class=\"pt-cv-rmwrap\"><a href=\"https:\/\/www.dmsjuridica.com\/buscador_20179478954\/corteconstitucionalcronologico202454587\/t-399-00\/\" class=\"_self pt-cv-readmore btn btn-success\" target=\"_self\">Ver Sentencia Completa...<\/a><\/div><\/div><\/div><\/div>\n<div class=\"col-md-12 col-sm-12 col-xs-12 pt-cv-content-item pt-cv-1-col\" ><div class='pt-cv-ifield'><a href=\"https:\/\/www.dmsjuridica.com\/buscador_20179478954\/corteconstitucionalcronologico202454587\/t-398-00\/\" class=\"_self pt-cv-href-thumbnail pt-cv-thumb-default\" target=\"_self\" ><\/a>\n<div class=\"pt-cv-taxoterm above_title\"><a href='https:\/\/www.dmsjuridica.com\/buscador_20179478954\/corteconstitucionalcronologico202454587\/category\/buscar-en-toda-la-corte\/2000\/tutelas-2000\/' title='Tutelas 2000' class='pt-cv-tax-tutelas-2000'>Tutelas 2000<\/a><\/div>\n<h4 class=\"pt-cv-title\"><a href=\"https:\/\/www.dmsjuridica.com\/buscador_20179478954\/corteconstitucionalcronologico202454587\/t-398-00\/\" class=\"_self\" target=\"_self\" >T-398-00<\/a><\/h4>\n<div class=\"pt-cv-content\">\u00a0 \u00a0 Sentencia T-398\/00 \u00a0 PERSONA AFECTADA CON ENFERMEDAD MENTAL-Tratamiento intrahospitalario\/PERSONA AFECTADA CON ENFERMEDAD MENTAL-Tratamiento dentro de entorno social \u00a0 La psiquiatr\u00eda moderna descarta, por regla general, el internamiento permanente de las personas afectadas con enfermedades mentales. En este punto coinciden todos los expertos y los escritos consultados. Actualmente, para la mayor\u00eda de los casos, la hospitalizaci\u00f3n es concebida simplemente como una medida transitoria, para las situaciones de agravamiento de la enfermedad, que tiene por fin estabilizar al paciente para poderlo retornar al medio ambiente del que proviene. Este regreso puede estar mediado a trav\u00e9s de etapas intermedias de reintegraci\u00f3n ...<br \/><div class=\"pt-cv-rmwrap\"><a href=\"https:\/\/www.dmsjuridica.com\/buscador_20179478954\/corteconstitucionalcronologico202454587\/t-398-00\/\" class=\"_self pt-cv-readmore btn btn-success\" target=\"_self\">Ver Sentencia Completa...<\/a><\/div><\/div><\/div><\/div>\n<div class=\"col-md-12 col-sm-12 col-xs-12 pt-cv-content-item pt-cv-1-col\" ><div class='pt-cv-ifield'><a href=\"https:\/\/www.dmsjuridica.com\/buscador_20179478954\/corteconstitucionalcronologico202454587\/t-397-00\/\" class=\"_self pt-cv-href-thumbnail pt-cv-thumb-default\" target=\"_self\" ><\/a>\n<div class=\"pt-cv-taxoterm above_title\"><a href='https:\/\/www.dmsjuridica.com\/buscador_20179478954\/corteconstitucionalcronologico202454587\/category\/buscar-en-toda-la-corte\/2000\/tutelas-2000\/' title='Tutelas 2000' class='pt-cv-tax-tutelas-2000'>Tutelas 2000<\/a><\/div>\n<h4 class=\"pt-cv-title\"><a href=\"https:\/\/www.dmsjuridica.com\/buscador_20179478954\/corteconstitucionalcronologico202454587\/t-397-00\/\" class=\"_self\" target=\"_self\" >T-397-00<\/a><\/h4>\n<div class=\"pt-cv-content\">ACCION DE TUTELA-Procedencia excepcional pago de acreencias laborales \u00a0 Referencia: expediente T-262799 \u00a0 Acci\u00f3n de tutela instaurada por Fidel Anibal Ca\u00f1as Reyes contra la empresa \"ASMUSALUD\" \u00a0 Magistrado Ponente: \u00a0 Dr. JOS\u00c9 GREGORIO HERN\u00c1NDEZ GALINDO \u00a0 Santa Fe de Bogot\u00e1 D.C., seis (6) de abril de dos mil (2000). \u00a0 La Sala Quinta de Revisi\u00f3n de la Corte Constitucional, en ejercicio de sus competencias constitucionales y legales, espec\u00edficamente las previstas en los art\u00edculos 86 y 241, numeral 9, de la Constituci\u00f3n Pol\u00edtica y en el Decreto 2591 de 1.991, ha proferido la siguiente \u00a0 SENTENCIA \u00a0 que pone fin al ...<br \/><div class=\"pt-cv-rmwrap\"><a href=\"https:\/\/www.dmsjuridica.com\/buscador_20179478954\/corteconstitucionalcronologico202454587\/t-397-00\/\" class=\"_self pt-cv-readmore btn btn-success\" target=\"_self\">Ver Sentencia Completa...<\/a><\/div><\/div><\/div><\/div>\n<div class=\"col-md-12 col-sm-12 col-xs-12 pt-cv-content-item pt-cv-1-col\" ><div class='pt-cv-ifield'><a href=\"https:\/\/www.dmsjuridica.com\/buscador_20179478954\/corteconstitucionalcronologico202454587\/t-396-00\/\" class=\"_self pt-cv-href-thumbnail pt-cv-thumb-default\" target=\"_self\" ><\/a>\n<div class=\"pt-cv-taxoterm above_title\"><a href='https:\/\/www.dmsjuridica.com\/buscador_20179478954\/corteconstitucionalcronologico202454587\/category\/buscar-en-toda-la-corte\/2000\/tutelas-2000\/' title='Tutelas 2000' class='pt-cv-tax-tutelas-2000'>Tutelas 2000<\/a><\/div>\n<h4 class=\"pt-cv-title\"><a href=\"https:\/\/www.dmsjuridica.com\/buscador_20179478954\/corteconstitucionalcronologico202454587\/t-396-00\/\" class=\"_self\" target=\"_self\" >T-396-00<\/a><\/h4>\n<div class=\"pt-cv-content\">\u00a0 \u00a0 Sentencia T-396\/00 \u00a0 PERSONA DE LA TERCERA EDAD-Tratamiento excepcional\/DERECHO AL MINIMO VITAL DE PERSONA DE LA TERCERA EDAD-Recursos depositados en entidad financiera \u00a0 ACCION DE TUTELA-Carencia actual de objeto \u00a0 Referencia: expediente T-262546 \u00a0 Acci\u00f3n de tutela instaurada por Isaac Jim\u00e9nez contra el Liquidador de la Cooperativa Nacional Financiera Ltda, Financoop. \u00a0 Magistrado Ponente: \u00a0 Dr. JOS\u00c9 GREGORIO HERN\u00c1NDEZ GALINDO \u00a0 Santa Fe de Bogot\u00e1 D.C., seis (6) de abril de dos mil (2000). \u00a0 La Sala Quinta de Revisi\u00f3n de la Corte Constitucional, en ejercicio de sus competencias constitucionales y legales, espec\u00edficamente las previstas en los art\u00edculos ...<br \/><div class=\"pt-cv-rmwrap\"><a href=\"https:\/\/www.dmsjuridica.com\/buscador_20179478954\/corteconstitucionalcronologico202454587\/t-396-00\/\" class=\"_self pt-cv-readmore btn btn-success\" target=\"_self\">Ver Sentencia Completa...<\/a><\/div><\/div><\/div><\/div>\n<div class=\"col-md-12 col-sm-12 col-xs-12 pt-cv-content-item pt-cv-1-col\" ><div class='pt-cv-ifield'><a href=\"https:\/\/www.dmsjuridica.com\/buscador_20179478954\/corteconstitucionalcronologico202454587\/t-395-00\/\" class=\"_self pt-cv-href-thumbnail pt-cv-thumb-default\" target=\"_self\" ><\/a>\n<div class=\"pt-cv-taxoterm above_title\"><a href='https:\/\/www.dmsjuridica.com\/buscador_20179478954\/corteconstitucionalcronologico202454587\/category\/buscar-en-toda-la-corte\/2000\/tutelas-2000\/' title='Tutelas 2000' class='pt-cv-tax-tutelas-2000'>Tutelas 2000<\/a><\/div>\n<h4 class=\"pt-cv-title\"><a href=\"https:\/\/www.dmsjuridica.com\/buscador_20179478954\/corteconstitucionalcronologico202454587\/t-395-00\/\" class=\"_self\" target=\"_self\" >T-395-00<\/a><\/h4>\n<div class=\"pt-cv-content\">\u00a0 \u00a0 Sentencia T-395\/00 \u00a0 DERECHO A LA SALUD DEL NI\u00d1O-Fundamental prevalente \u00a0 ENTES ADMINISTRATIVOS DE SEGURIDAD SOCIAL-No pueden impedir ni obstaculizar el acceso de los usuarios al sistema\/DERECHO A LA SALUD DEL NI\u00d1O-No suministro de oxigeno\/DERECHO A LA VIDA DEL NI\u00d1O-No suministro de oxigeno \u00a0 S\u00f3lo el legislador podr\u00eda se\u00f1alar tales requerimientos, lo que indica que est\u00e1 vedado a los entes administrativos de la seguridad social dictar actos supuestamente obligatorios para obstaculizar o impedir el acceso de los usuarios al sistema, o para negar los m\u00e1s elementales servicios -como en este caso los elementos materiales indispensables para el suministro ...<br \/><div class=\"pt-cv-rmwrap\"><a href=\"https:\/\/www.dmsjuridica.com\/buscador_20179478954\/corteconstitucionalcronologico202454587\/t-395-00\/\" class=\"_self pt-cv-readmore btn btn-success\" target=\"_self\">Ver Sentencia Completa...<\/a><\/div><\/div><\/div><\/div>\n<div class=\"col-md-12 col-sm-12 col-xs-12 pt-cv-content-item pt-cv-1-col\" ><div class='pt-cv-ifield'><a href=\"https:\/\/www.dmsjuridica.com\/buscador_20179478954\/corteconstitucionalcronologico202454587\/t-394-00\/\" class=\"_self pt-cv-href-thumbnail pt-cv-thumb-default\" target=\"_self\" ><\/a>\n<div class=\"pt-cv-taxoterm above_title\"><a href='https:\/\/www.dmsjuridica.com\/buscador_20179478954\/corteconstitucionalcronologico202454587\/category\/buscar-en-toda-la-corte\/2000\/tutelas-2000\/' title='Tutelas 2000' class='pt-cv-tax-tutelas-2000'>Tutelas 2000<\/a><\/div>\n<h4 class=\"pt-cv-title\"><a href=\"https:\/\/www.dmsjuridica.com\/buscador_20179478954\/corteconstitucionalcronologico202454587\/t-394-00\/\" class=\"_self\" target=\"_self\" >T-394-00<\/a><\/h4>\n<div class=\"pt-cv-content\">\u00a0 \u00a0 Sentencia T-394\/00 \u00a0 DEBER DE SUMINISTRAR INFORMACION MEDICA-Retenci\u00f3n de tejido de hija\/DERECHO A LA INFORMACION-Retenci\u00f3n de tejido de hija\/LIBRE DESARROLLO DE LA PERSONALIDAD-Padres que solicitan tejido de hija \u00a0 La retenci\u00f3n del tejido por parte del Hospital afecta los derechos antes indicados, puesto que impide a la pareja que desea conformar responsablemente una familia, saber cu\u00e1les son los peligros de salud que su descendencia puede llegar a afrontar, o incluso los que los miembros de la pareja pudieren tambi\u00e9n sufrir. Se coarta de esta forma la posibilidad de obtener informaci\u00f3n acerca de los patrones gen\u00e9ticos que influyen negativamente ...<br \/><div class=\"pt-cv-rmwrap\"><a href=\"https:\/\/www.dmsjuridica.com\/buscador_20179478954\/corteconstitucionalcronologico202454587\/t-394-00\/\" class=\"_self pt-cv-readmore btn btn-success\" target=\"_self\">Ver Sentencia Completa...<\/a><\/div><\/div><\/div><\/div>\n<div class=\"col-md-12 col-sm-12 col-xs-12 pt-cv-content-item pt-cv-1-col\" ><div class='pt-cv-ifield'><a href=\"https:\/\/www.dmsjuridica.com\/buscador_20179478954\/corteconstitucionalcronologico202454587\/t-379-00\/\" class=\"_self pt-cv-href-thumbnail pt-cv-thumb-default\" target=\"_self\" ><\/a>\n<div class=\"pt-cv-taxoterm above_title\"><a href='https:\/\/www.dmsjuridica.com\/buscador_20179478954\/corteconstitucionalcronologico202454587\/category\/buscar-en-toda-la-corte\/2000\/tutelas-2000\/' title='Tutelas 2000' class='pt-cv-tax-tutelas-2000'>Tutelas 2000<\/a><\/div>\n<h4 class=\"pt-cv-title\"><a href=\"https:\/\/www.dmsjuridica.com\/buscador_20179478954\/corteconstitucionalcronologico202454587\/t-379-00\/\" class=\"_self\" target=\"_self\" >T-379-00<\/a><\/h4>\n<div class=\"pt-cv-content\">\u00a0 \u00a0 Sentencia T-379\/00 \u00a0 EDUCACION EN ESTADO SOCIAL DE DERECHO\/EDUCACION-Funci\u00f3n social\/EDUCACION-Derecho-deber \u00a0 La educaci\u00f3n, seg\u00fan el art\u00edculo 67 de la Carta Pol\u00edtica, es un derecho de la persona y un servicio p\u00fablico que tiene una funci\u00f3n social, que, para adquirir validez y eficacia, necesita un papel responsable y activo de la familia, la sociedad, el Estado, los centros educativos, tanto privados como del sector oficial, y los propios alumnos. \u00a0 EDUCACION-Obligaci\u00f3n de la familia\/EDUCACION-Actitud omisiva y reticente de padres para no informar razones de no pago \u00a0 La actitud omisiva y reticente del padre de la accionante, en el ...<br \/><div class=\"pt-cv-rmwrap\"><a href=\"https:\/\/www.dmsjuridica.com\/buscador_20179478954\/corteconstitucionalcronologico202454587\/t-379-00\/\" class=\"_self pt-cv-readmore btn btn-success\" target=\"_self\">Ver Sentencia Completa...<\/a><\/div><\/div><\/div><\/div>\n<div class=\"col-md-12 col-sm-12 col-xs-12 pt-cv-content-item pt-cv-1-col\" ><div class='pt-cv-ifield'><a href=\"https:\/\/www.dmsjuridica.com\/buscador_20179478954\/corteconstitucionalcronologico202454587\/t-378-00\/\" class=\"_self pt-cv-href-thumbnail pt-cv-thumb-default\" target=\"_self\" ><\/a>\n<div class=\"pt-cv-taxoterm above_title\"><a href='https:\/\/www.dmsjuridica.com\/buscador_20179478954\/corteconstitucionalcronologico202454587\/category\/buscar-en-toda-la-corte\/2000\/tutelas-2000\/' title='Tutelas 2000' class='pt-cv-tax-tutelas-2000'>Tutelas 2000<\/a><\/div>\n<h4 class=\"pt-cv-title\"><a href=\"https:\/\/www.dmsjuridica.com\/buscador_20179478954\/corteconstitucionalcronologico202454587\/t-378-00\/\" class=\"_self\" target=\"_self\" >T-378-00<\/a><\/h4>\n<div class=\"pt-cv-content\">\u00a0 \u00a0 Sentencia T-378\/00 \u00a0 EMPLEADOR-Responsabilidad por servicios de salud\/SERVICIO DE SALUD-Responsabilidad compartida entre patrono y EPS \u00a0 Si bien es v\u00e1lido que la ley atribuya al patrono el deber de responder por los servicios de salud, en caso de mora o incumplimiento, lo cierto es que este traslado de la obligaci\u00f3n no exonera integralmente a la EPS de las responsabilidades en que hubiera podido incurrir, por negligencia en la vigilancia de que se realicen los aportes. Al igual que las entidades administradoras de pensiones, se entiende que las EPS tienen la posibilidad de establecer el cobro coactivo para hacer ...<br \/><div class=\"pt-cv-rmwrap\"><a href=\"https:\/\/www.dmsjuridica.com\/buscador_20179478954\/corteconstitucionalcronologico202454587\/t-378-00\/\" class=\"_self pt-cv-readmore btn btn-success\" target=\"_self\">Ver Sentencia Completa...<\/a><\/div><\/div><\/div><\/div>\n<div class=\"col-md-12 col-sm-12 col-xs-12 pt-cv-content-item pt-cv-1-col\" ><div class='pt-cv-ifield'><a href=\"https:\/\/www.dmsjuridica.com\/buscador_20179478954\/corteconstitucionalcronologico202454587\/t-377-00\/\" class=\"_self pt-cv-href-thumbnail pt-cv-thumb-default\" target=\"_self\" ><\/a>\n<div class=\"pt-cv-taxoterm above_title\"><a href='https:\/\/www.dmsjuridica.com\/buscador_20179478954\/corteconstitucionalcronologico202454587\/category\/buscar-en-toda-la-corte\/2000\/tutelas-2000\/' title='Tutelas 2000' class='pt-cv-tax-tutelas-2000'>Tutelas 2000<\/a><\/div>\n<h4 class=\"pt-cv-title\"><a href=\"https:\/\/www.dmsjuridica.com\/buscador_20179478954\/corteconstitucionalcronologico202454587\/t-377-00\/\" class=\"_self\" target=\"_self\" >T-377-00<\/a><\/h4>\n<div class=\"pt-cv-content\">\u00a0 \u00a0 Sentencia T-377\/00 \u00a0 PERSONA JURIDICA-Titularidad de derechos fundamentales \u00a0 La persona jur\u00eddica puede ser titular de los siguientes derechos fundamentales: la inviolabilidad de la correspondencia y dem\u00e1s formas de comunicaci\u00f3n privada, el derecho de petici\u00f3n la libertad de asociaci\u00f3n sindical y el debido proceso. Estos derechos nacen de su condici\u00f3n de sujeto que existe y ocupa un espacio dentro de la sociedad. Las personas jur\u00eddicas poseen derechos constitucionales fundamentales por dos v\u00edas: - indirectamente: cuando la acci\u00f3n de tutela es un medio para garantizar los derechos constitucionales fundamentales de las personas naturales asociadas. Este es el caso del ...<br \/><div class=\"pt-cv-rmwrap\"><a href=\"https:\/\/www.dmsjuridica.com\/buscador_20179478954\/corteconstitucionalcronologico202454587\/t-377-00\/\" class=\"_self pt-cv-readmore btn btn-success\" target=\"_self\">Ver Sentencia Completa...<\/a><\/div><\/div><\/div><\/div>\n<div class=\"col-md-12 col-sm-12 col-xs-12 pt-cv-content-item pt-cv-1-col\" ><div class='pt-cv-ifield'><a href=\"https:\/\/www.dmsjuridica.com\/buscador_20179478954\/corteconstitucionalcronologico202454587\/t-376-00\/\" class=\"_self pt-cv-href-thumbnail pt-cv-thumb-default\" target=\"_self\" ><\/a>\n<div class=\"pt-cv-taxoterm above_title\"><a href='https:\/\/www.dmsjuridica.com\/buscador_20179478954\/corteconstitucionalcronologico202454587\/category\/buscar-en-toda-la-corte\/2000\/tutelas-2000\/' title='Tutelas 2000' class='pt-cv-tax-tutelas-2000'>Tutelas 2000<\/a><\/div>\n<h4 class=\"pt-cv-title\"><a href=\"https:\/\/www.dmsjuridica.com\/buscador_20179478954\/corteconstitucionalcronologico202454587\/t-376-00\/\" class=\"_self\" target=\"_self\" >T-376-00<\/a><\/h4>\n<div class=\"pt-cv-content\">\u00a0 \u00a0 Sentencia T-376\/00 \u00a0 ACCION DE TUTELA-Subsidiariedad \u00a0 ACCION DE TUTELA-Procedencia excepcional pago de acreencias laborales \u00a0 DERECHO AL MINIMO VITAL DEL TRABAJADOR-Presunci\u00f3n de afectaci\u00f3n por ausencia prolongada en pago de salarios \u00a0 Sobre la afectaci\u00f3n del m\u00ednimo vital o de subsistencia ha dicho la Corte, que \u00e9ste se presume afectado, cuando la suspensi\u00f3n en el pago del salario se prolonga indefinidamente en el tiempo, de tal suerte que se coloca al trabajador y a su familia en una situaci\u00f3n econ\u00f3mica cr\u00edtica que afecta sus derechos fundamentales y que hace necesaria la intervenci\u00f3n r\u00e1pida y eficaz del juez de ...<br \/><div class=\"pt-cv-rmwrap\"><a href=\"https:\/\/www.dmsjuridica.com\/buscador_20179478954\/corteconstitucionalcronologico202454587\/t-376-00\/\" class=\"_self pt-cv-readmore btn btn-success\" target=\"_self\">Ver Sentencia Completa...<\/a><\/div><\/div><\/div><\/div>\n<div class=\"col-md-12 col-sm-12 col-xs-12 pt-cv-content-item pt-cv-1-col\" ><div class='pt-cv-ifield'><a href=\"https:\/\/www.dmsjuridica.com\/buscador_20179478954\/corteconstitucionalcronologico202454587\/t-375-00\/\" class=\"_self pt-cv-href-thumbnail pt-cv-thumb-default\" target=\"_self\" ><\/a>\n<div class=\"pt-cv-taxoterm above_title\"><a href='https:\/\/www.dmsjuridica.com\/buscador_20179478954\/corteconstitucionalcronologico202454587\/category\/buscar-en-toda-la-corte\/2000\/tutelas-2000\/' title='Tutelas 2000' class='pt-cv-tax-tutelas-2000'>Tutelas 2000<\/a><\/div>\n<h4 class=\"pt-cv-title\"><a href=\"https:\/\/www.dmsjuridica.com\/buscador_20179478954\/corteconstitucionalcronologico202454587\/t-375-00\/\" class=\"_self\" target=\"_self\" >T-375-00<\/a><\/h4>\n<div class=\"pt-cv-content\">\u00a0 \u00a0 Sentencia T-375\/00 \u00a0 DERECHO A LA ESTABILIDAD LABORAL REFORZADA DE MUJER EMBARAZADA-Protecci\u00f3n constitucional especial \u00a0 ACCION DE TUTELA TRANSITORIA DEL DERECHO A LA ESTABILIDAD LABORAL REFORZADA DE MUJER EMBARAZADA-No discriminaci\u00f3n\/ACCION DE TUTELA TRANSITORIA DEL DERECHO A LA ESTABILIDAD LABORAL REFORZADA DE MUJER EMBARAZADA-Protecci\u00f3n del m\u00ednimo vital de la madre y del nasciturus \u00a0 La mujer embarazada posee el derecho constitucional fundamental a no ser discriminada en el campo laboral por raz\u00f3n de su estado. Debido a esto, la terminaci\u00f3n unilateral sin justa causa del contrato laboral que vincula a una mujer en estado de gravidez, puede dar lugar ...<br \/><div class=\"pt-cv-rmwrap\"><a href=\"https:\/\/www.dmsjuridica.com\/buscador_20179478954\/corteconstitucionalcronologico202454587\/t-375-00\/\" class=\"_self pt-cv-readmore btn btn-success\" target=\"_self\">Ver Sentencia Completa...<\/a><\/div><\/div><\/div><\/div>\n<div class=\"col-md-12 col-sm-12 col-xs-12 pt-cv-content-item pt-cv-1-col\" ><div class='pt-cv-ifield'><a href=\"https:\/\/www.dmsjuridica.com\/buscador_20179478954\/corteconstitucionalcronologico202454587\/t-374-00\/\" class=\"_self pt-cv-href-thumbnail pt-cv-thumb-default\" target=\"_self\" ><\/a>\n<div class=\"pt-cv-taxoterm above_title\"><a href='https:\/\/www.dmsjuridica.com\/buscador_20179478954\/corteconstitucionalcronologico202454587\/category\/buscar-en-toda-la-corte\/2000\/tutelas-2000\/' title='Tutelas 2000' class='pt-cv-tax-tutelas-2000'>Tutelas 2000<\/a><\/div>\n<h4 class=\"pt-cv-title\"><a href=\"https:\/\/www.dmsjuridica.com\/buscador_20179478954\/corteconstitucionalcronologico202454587\/t-374-00\/\" class=\"_self\" target=\"_self\" >T-374-00<\/a><\/h4>\n<div class=\"pt-cv-content\">\u00a0 \u00a0 Sentencia T-374\/00 \u00a0 CARRERA ADMINISTRATIVA-Facultad de supresi\u00f3n de cargos \u00a0 La Administraci\u00f3n Publica esta facultada para adecuar su funcionamiento a las necesidades del servicio, por lo tanto, se encuentra legitimada para crear, modificar, reorganizar y suprimir los cargos de su planta de personal, cuando las necesidades p\u00fablicas o las restricciones econ\u00f3micas se lo impongan, o cuando el desempe\u00f1o de los funcionarios as\u00ed lo exigen, en cumplimiento de los fines impuestos por el art\u00edculo 209 de la Constituci\u00f3n. Siendo ello as\u00ed, la facultad de suprimir cargos p\u00fablicos, inclusive los que corresponden a la carrera administrativa, por motivos de necesidades ...<br \/><div class=\"pt-cv-rmwrap\"><a href=\"https:\/\/www.dmsjuridica.com\/buscador_20179478954\/corteconstitucionalcronologico202454587\/t-374-00\/\" class=\"_self pt-cv-readmore btn btn-success\" target=\"_self\">Ver Sentencia Completa...<\/a><\/div><\/div><\/div><\/div>\n<div class=\"col-md-12 col-sm-12 col-xs-12 pt-cv-content-item pt-cv-1-col\" ><div class='pt-cv-ifield'><a href=\"https:\/\/www.dmsjuridica.com\/buscador_20179478954\/corteconstitucionalcronologico202454587\/t-373-00\/\" class=\"_self pt-cv-href-thumbnail pt-cv-thumb-default\" target=\"_self\" ><\/a>\n<div class=\"pt-cv-taxoterm above_title\"><a href='https:\/\/www.dmsjuridica.com\/buscador_20179478954\/corteconstitucionalcronologico202454587\/category\/buscar-en-toda-la-corte\/2000\/tutelas-2000\/' title='Tutelas 2000' class='pt-cv-tax-tutelas-2000'>Tutelas 2000<\/a><\/div>\n<h4 class=\"pt-cv-title\"><a href=\"https:\/\/www.dmsjuridica.com\/buscador_20179478954\/corteconstitucionalcronologico202454587\/t-373-00\/\" class=\"_self\" target=\"_self\" >T-373-00<\/a><\/h4>\n<div class=\"pt-cv-content\">\u00a0 \u00a0 Sentencia T-373\/00 \u00a0 DERECHO A LA VIDA DIGNA DEL PENSIONADO-Pago oportuno de mesadas por compa\u00f1\u00eda de inversiones de Flota Mercante \u00a0 EMPLEADOR-Inexistencia de negligencia en crisis econ\u00f3mica o presupuestal no exime el pago de mesadas pensionales\/DERECHOS FUNDAMENTALES-Intencionalidad en desconocimiento no es elemento relevante para la procedencia de la tutela \u00a0 JUEZ CONSTITUCIONAL-Funci\u00f3n primordial\/CONMUTACION PENSIONAL-Compa\u00f1\u00eda de inversiones de Flota Mercante \u00a0 CONMUTACION PENSIONAL-Dilataci\u00f3n por Compa\u00f1\u00eda de Inversiones de Flota Mercante que afecta derechos de los jubilados\/CONMUTACION PENSIONAL-Procedimientos, estudios y propuestas para la efectividad no pueden afectar pago oportuno de mesadas pensionales \u00a0 SENTENCIA DE REVISION DE TUTELA-Plazo de cumplimiento ...<br \/><div class=\"pt-cv-rmwrap\"><a href=\"https:\/\/www.dmsjuridica.com\/buscador_20179478954\/corteconstitucionalcronologico202454587\/t-373-00\/\" class=\"_self pt-cv-readmore btn btn-success\" target=\"_self\">Ver Sentencia Completa...<\/a><\/div><\/div><\/div><\/div>\n<div class=\"col-md-12 col-sm-12 col-xs-12 pt-cv-content-item pt-cv-1-col\" ><div class='pt-cv-ifield'><a href=\"https:\/\/www.dmsjuridica.com\/buscador_20179478954\/corteconstitucionalcronologico202454587\/t-372-00\/\" class=\"_self pt-cv-href-thumbnail pt-cv-thumb-default\" target=\"_self\" ><\/a>\n<div class=\"pt-cv-taxoterm above_title\"><a href='https:\/\/www.dmsjuridica.com\/buscador_20179478954\/corteconstitucionalcronologico202454587\/category\/buscar-en-toda-la-corte\/2000\/tutelas-2000\/' title='Tutelas 2000' class='pt-cv-tax-tutelas-2000'>Tutelas 2000<\/a><\/div>\n<h4 class=\"pt-cv-title\"><a href=\"https:\/\/www.dmsjuridica.com\/buscador_20179478954\/corteconstitucionalcronologico202454587\/t-372-00\/\" class=\"_self\" target=\"_self\" >T-372-00<\/a><\/h4>\n<div class=\"pt-cv-content\">\u00a0 \u00a0 Sentencia T-372\/00 \u00a0 PRINCIPIO DE LA CONFIANZA LEGITIMA-Conciliaci\u00f3n del inter\u00e9s general con los derechos de las personas que ejercen el comercio informal \u00a0 PRINCIPIO DE LA CONFIANZA LEGITIMA-Alcance \u00a0 PRINCIPIO DE LA CONFIANZA LEGITIMA-Presupuestos bajo los cuales se origina la obligaci\u00f3n para el Estado de reubicar a vendedores desalojados \u00a0 ESPACIO PUBLICO-Presupuesto necesarios para reubicaci\u00f3n de vendedores ambulantes \u00a0 ACCION DE TUTELA-Inexistencia de hecho consumado por continuaci\u00f3n de consecuencias que sigue generando vulneraci\u00f3n de derechos \u00a0 DERECHO AL TRABAJO-Ejercicio del comercio informal \u00a0 DERECHO AL TRABAJO-Inicio de actividades para reubicaci\u00f3n de vendedor ambulante \u00a0 ESPACIO PUBLICO-Reubicaci\u00f3n de desalojado ...<br \/><div class=\"pt-cv-rmwrap\"><a href=\"https:\/\/www.dmsjuridica.com\/buscador_20179478954\/corteconstitucionalcronologico202454587\/t-372-00\/\" class=\"_self pt-cv-readmore btn btn-success\" target=\"_self\">Ver Sentencia Completa...<\/a><\/div><\/div><\/div><\/div>\n<div class=\"col-md-12 col-sm-12 col-xs-12 pt-cv-content-item pt-cv-1-col\" ><div class='pt-cv-ifield'><a href=\"https:\/\/www.dmsjuridica.com\/buscador_20179478954\/corteconstitucionalcronologico202454587\/t-362-00\/\" class=\"_self pt-cv-href-thumbnail pt-cv-thumb-default\" target=\"_self\" ><\/a>\n<div class=\"pt-cv-taxoterm above_title\"><a href='https:\/\/www.dmsjuridica.com\/buscador_20179478954\/corteconstitucionalcronologico202454587\/category\/buscar-en-toda-la-corte\/2000\/tutelas-2000\/' title='Tutelas 2000' class='pt-cv-tax-tutelas-2000'>Tutelas 2000<\/a><\/div>\n<h4 class=\"pt-cv-title\"><a href=\"https:\/\/www.dmsjuridica.com\/buscador_20179478954\/corteconstitucionalcronologico202454587\/t-362-00\/\" class=\"_self\" target=\"_self\" >T-362-00<\/a><\/h4>\n<div class=\"pt-cv-content\">\u00a0 \u00a0 Sentencia T-362\/00 \u00a0 ACCION DE TUTELA-Subsidiariedad \u00a0 Como tantas veces se ha dicho, la acci\u00f3n de tutela s\u00f3lo proceder\u00e1 cuando el afectado no disponga de otro medio de defensa judicial, salvo que aqu\u00e9lla se utilice como mecanismo transitorio para evitar un perjuicio irremediable. Es por lo tanto una acci\u00f3n de car\u00e1cter residual y subsidiaria, que no puede ser utilizada como v\u00eda sustitutiva de procesos ordinarios, instituidos por el legislador para proteger los derechos, ante el juez natural que tiene la plena competencia para conocer y decidir sobre los respectivos asuntos. No es la tutela, por consiguiente, un instrumento ...<br \/><div class=\"pt-cv-rmwrap\"><a href=\"https:\/\/www.dmsjuridica.com\/buscador_20179478954\/corteconstitucionalcronologico202454587\/t-362-00\/\" class=\"_self pt-cv-readmore btn btn-success\" target=\"_self\">Ver Sentencia Completa...<\/a><\/div><\/div><\/div><\/div>\n<div class=\"col-md-12 col-sm-12 col-xs-12 pt-cv-content-item pt-cv-1-col\" ><div class='pt-cv-ifield'><a href=\"https:\/\/www.dmsjuridica.com\/buscador_20179478954\/corteconstitucionalcronologico202454587\/t-361-00\/\" class=\"_self pt-cv-href-thumbnail pt-cv-thumb-default\" target=\"_self\" ><\/a>\n<div class=\"pt-cv-taxoterm above_title\"><a href='https:\/\/www.dmsjuridica.com\/buscador_20179478954\/corteconstitucionalcronologico202454587\/category\/buscar-en-toda-la-corte\/2000\/tutelas-2000\/' title='Tutelas 2000' class='pt-cv-tax-tutelas-2000'>Tutelas 2000<\/a><\/div>\n<h4 class=\"pt-cv-title\"><a href=\"https:\/\/www.dmsjuridica.com\/buscador_20179478954\/corteconstitucionalcronologico202454587\/t-361-00\/\" class=\"_self\" target=\"_self\" >T-361-00<\/a><\/h4>\n<div class=\"pt-cv-content\">\u00a0 \u00a0 Sentencia T-361\/00 \u00a0 EDUCACION-Derecho deber \u00a0 DERECHO A LA EDUCACION DEL NI\u00d1O-Prohibici\u00f3n de retiro de clases o retenci\u00f3n de certificado de estudios por no pago de pensi\u00f3n \u00a0 DERECHO A LA EDUCACION-Inexistencia de vulneraci\u00f3n por no aceptaci\u00f3n de f\u00f3rmulas de arreglo y reincidencia en no pago de pensi\u00f3n para entrega de certificado de estudios \u00a0 Referencia: expediente T-266732 \u00a0 Acci\u00f3n de tutela instaurada por Aura Yaneth Calambaz contra el Centro Educativo \"LEONARDO DA VINCI\"\u00a0 \u00a0 Magistrado Ponente: \u00a0 Dr. JOS\u00c9 GREGORIO HERN\u00c1NDEZ GALINDO \u00a0 Santa Fe de Bogot\u00e1, D.C., veintisiete (27) de marzo de dos mil (2000). \u00a0 ...<br \/><div class=\"pt-cv-rmwrap\"><a href=\"https:\/\/www.dmsjuridica.com\/buscador_20179478954\/corteconstitucionalcronologico202454587\/t-361-00\/\" class=\"_self pt-cv-readmore btn btn-success\" target=\"_self\">Ver Sentencia Completa...<\/a><\/div><\/div><\/div><\/div>\n<div class=\"col-md-12 col-sm-12 col-xs-12 pt-cv-content-item pt-cv-1-col\" ><div class='pt-cv-ifield'><a href=\"https:\/\/www.dmsjuridica.com\/buscador_20179478954\/corteconstitucionalcronologico202454587\/t-360-00\/\" class=\"_self pt-cv-href-thumbnail pt-cv-thumb-default\" target=\"_self\" ><\/a>\n<div class=\"pt-cv-taxoterm above_title\"><a href='https:\/\/www.dmsjuridica.com\/buscador_20179478954\/corteconstitucionalcronologico202454587\/category\/buscar-en-toda-la-corte\/2000\/tutelas-2000\/' title='Tutelas 2000' class='pt-cv-tax-tutelas-2000'>Tutelas 2000<\/a><\/div>\n<h4 class=\"pt-cv-title\"><a href=\"https:\/\/www.dmsjuridica.com\/buscador_20179478954\/corteconstitucionalcronologico202454587\/t-360-00\/\" class=\"_self\" target=\"_self\" >T-360-00<\/a><\/h4>\n<div class=\"pt-cv-content\">\u00a0 \u00a0 Sentencia T-360\/00 \u00a0 PLAN OBLIGATORIO DE SALUD-Mora en el pago de aportes da lugar a la suspensi\u00f3n de servicios por EPS \u00a0 SISTEMA DE SEGURIDAD SOCIAL EN SALUD-Mora en el pago de aportes por empleador da lugar a la suspensi\u00f3n de servicios por EPS \u00a0 Referencia: expediente T-266721 \u00a0 Acci\u00f3n de tutela incoada por Roc\u00edo del Pilar Restrepo Camacho contra el Seguro Social. \u00a0 Magistrado Ponente: \u00a0 Dr. JOS\u00c9 GREGORIO HERN\u00c1NDEZ GALINDO\u00a0 \u00a0 Santa Fe de Bogot\u00e1, D.C., veintisiete (27) de marzo de dos mil (2000). \u00a0 La Sala Quinta de Revisi\u00f3n de la Corte Constitucional, en ejercicio ...<br \/><div class=\"pt-cv-rmwrap\"><a href=\"https:\/\/www.dmsjuridica.com\/buscador_20179478954\/corteconstitucionalcronologico202454587\/t-360-00\/\" class=\"_self pt-cv-readmore btn btn-success\" target=\"_self\">Ver Sentencia Completa...<\/a><\/div><\/div><\/div><\/div>\n<div class=\"col-md-12 col-sm-12 col-xs-12 pt-cv-content-item pt-cv-1-col\" ><div class='pt-cv-ifield'><a href=\"https:\/\/www.dmsjuridica.com\/buscador_20179478954\/corteconstitucionalcronologico202454587\/t-359-00\/\" class=\"_self pt-cv-href-thumbnail pt-cv-thumb-default\" target=\"_self\" ><\/a>\n<div class=\"pt-cv-taxoterm above_title\"><a href='https:\/\/www.dmsjuridica.com\/buscador_20179478954\/corteconstitucionalcronologico202454587\/category\/buscar-en-toda-la-corte\/2000\/tutelas-2000\/' title='Tutelas 2000' class='pt-cv-tax-tutelas-2000'>Tutelas 2000<\/a><\/div>\n<h4 class=\"pt-cv-title\"><a href=\"https:\/\/www.dmsjuridica.com\/buscador_20179478954\/corteconstitucionalcronologico202454587\/t-359-00\/\" class=\"_self\" target=\"_self\" >T-359-00<\/a><\/h4>\n<div class=\"pt-cv-content\">\u00a0 \u00a0 Sentencia T-359\/00 \u00a0 EMPLEADOR-Situaci\u00f3n econ\u00f3mica o presupuestal no es \u00f3bice para desconocer obligaciones laborales \u00a0 DERECHO AL MINIMO VITAL DEL TRABAJADOR-Pago oportuno de salarios \u00a0 Referencia: expediente T-266660 \u00a0 Acci\u00f3n de tutela instaurada por Clara In\u00e9s Medina Campos contra la Fundaci\u00f3n \"San Juan de Dios\" de Bogot\u00e1 \u00a0 Magistrado Ponente: \u00a0 Dr. JOS\u00c9 GREGORIO HERN\u00c1NDEZ GALINDO \u00a0 Santa Fe de Bogot\u00e1 D.C., veintisiete (27) de marzo de dos mil (2000). \u00a0 La Sala Quinta de Revisi\u00f3n de la Corte Constitucional, en ejercicio de sus competencias constitucionales y legales, espec\u00edficamente las previstas en los art\u00edculos 86 y 241, numeral ...<br \/><div class=\"pt-cv-rmwrap\"><a href=\"https:\/\/www.dmsjuridica.com\/buscador_20179478954\/corteconstitucionalcronologico202454587\/t-359-00\/\" class=\"_self pt-cv-readmore btn btn-success\" target=\"_self\">Ver Sentencia Completa...<\/a><\/div><\/div><\/div><\/div>\n<div class=\"col-md-12 col-sm-12 col-xs-12 pt-cv-content-item pt-cv-1-col\" ><div class='pt-cv-ifield'><a href=\"https:\/\/www.dmsjuridica.com\/buscador_20179478954\/corteconstitucionalcronologico202454587\/t-358-00\/\" class=\"_self pt-cv-href-thumbnail pt-cv-thumb-default\" target=\"_self\" ><\/a>\n<div class=\"pt-cv-taxoterm above_title\"><a href='https:\/\/www.dmsjuridica.com\/buscador_20179478954\/corteconstitucionalcronologico202454587\/category\/buscar-en-toda-la-corte\/2000\/tutelas-2000\/' title='Tutelas 2000' class='pt-cv-tax-tutelas-2000'>Tutelas 2000<\/a><\/div>\n<h4 class=\"pt-cv-title\"><a href=\"https:\/\/www.dmsjuridica.com\/buscador_20179478954\/corteconstitucionalcronologico202454587\/t-358-00\/\" class=\"_self\" target=\"_self\" >T-358-00<\/a><\/h4>\n<div class=\"pt-cv-content\">\u00a0 \u00a0 Sentencia T-358\/00 \u00a0 DERECHO DE PETICION-Resoluci\u00f3n de fondo \u00a0 DERECHO DE PETICION-Directrices generales no lo satisface \u00a0 DERECHO DE PETICION-Expedici\u00f3n de simple circular general ilustrativa acerca de tr\u00e1mite a seguir \u00a0 Referencia: expediente T-266647 \u00a0 Acci\u00f3n de tutela instaurada por Severiano Gonz\u00e1lez Mendoza contra el Ministerio del Trabajo y Seguridad Social. \u00a0 Magistrado Ponente: \u00a0 Dr. JOS\u00c9 GREGORIO HERN\u00c1NDEZ GALINDO \u00a0 Santa Fe de Bogot\u00e1, D.C., veintisiete (27) de marzo de dos mil (2000). \u00a0 La Sala Quinta de Revisi\u00f3n de la Corte Constitucional, en ejercicio de sus competencias constitucionales y legales, espec\u00edficamente las previstas en los art\u00edculos ...<br \/><div class=\"pt-cv-rmwrap\"><a href=\"https:\/\/www.dmsjuridica.com\/buscador_20179478954\/corteconstitucionalcronologico202454587\/t-358-00\/\" class=\"_self pt-cv-readmore btn btn-success\" target=\"_self\">Ver Sentencia Completa...<\/a><\/div><\/div><\/div><\/div>\n<div class=\"col-md-12 col-sm-12 col-xs-12 pt-cv-content-item pt-cv-1-col\" ><div class='pt-cv-ifield'><a href=\"https:\/\/www.dmsjuridica.com\/buscador_20179478954\/corteconstitucionalcronologico202454587\/t-357-00\/\" class=\"_self pt-cv-href-thumbnail pt-cv-thumb-default\" target=\"_self\" ><\/a>\n<div class=\"pt-cv-taxoterm above_title\"><a href='https:\/\/www.dmsjuridica.com\/buscador_20179478954\/corteconstitucionalcronologico202454587\/category\/buscar-en-toda-la-corte\/2000\/tutelas-2000\/' title='Tutelas 2000' class='pt-cv-tax-tutelas-2000'>Tutelas 2000<\/a><\/div>\n<h4 class=\"pt-cv-title\"><a href=\"https:\/\/www.dmsjuridica.com\/buscador_20179478954\/corteconstitucionalcronologico202454587\/t-357-00\/\" class=\"_self\" target=\"_self\" >T-357-00<\/a><\/h4>\n<div class=\"pt-cv-content\">\u00a0 \u00a0 Sentencia T-357\/00 \u00a0 ACCION DE TUTELA-Procedencia excepcional pago de acreencias laborales \u00a0 DERECHO AL MINIMO VITAL DEL PENSIONADO-Pago oportuno de mesadas \u00a0 INSTITUCION UNIVERSITARIA PUBLICA-Situaci\u00f3n econ\u00f3mica o presupuestal no es \u00f3bice para desconocer obligaciones laborales \u00a0 Referencia: expediente T-266145 \u00a0 Acci\u00f3n de tutela instaurada por Lucio Vel\u00e1squez Coral contra la Universidad del Valle \u00a0 Magistrado Ponente: \u00a0 Dr. JOS\u00c9 GREGORIO HERN\u00c1NDEZ GALINDO \u00a0 Santa Fe de Bogot\u00e1 D.C., veintisiete (27) de marzo de dos mil (2000). \u00a0 La Sala Quinta de Revisi\u00f3n de la Corte Constitucional, en ejercicio de sus competencias constitucionales y legales, espec\u00edficamente las previstas en ...<br \/><div class=\"pt-cv-rmwrap\"><a href=\"https:\/\/www.dmsjuridica.com\/buscador_20179478954\/corteconstitucionalcronologico202454587\/t-357-00\/\" class=\"_self pt-cv-readmore btn btn-success\" target=\"_self\">Ver Sentencia Completa...<\/a><\/div><\/div><\/div><\/div>\n<div class=\"col-md-12 col-sm-12 col-xs-12 pt-cv-content-item pt-cv-1-col\" ><div class='pt-cv-ifield'><a href=\"https:\/\/www.dmsjuridica.com\/buscador_20179478954\/corteconstitucionalcronologico202454587\/t-356-00\/\" class=\"_self pt-cv-href-thumbnail pt-cv-thumb-default\" target=\"_self\" ><\/a>\n<div class=\"pt-cv-taxoterm above_title\"><a href='https:\/\/www.dmsjuridica.com\/buscador_20179478954\/corteconstitucionalcronologico202454587\/category\/buscar-en-toda-la-corte\/2000\/tutelas-2000\/' title='Tutelas 2000' class='pt-cv-tax-tutelas-2000'>Tutelas 2000<\/a><\/div>\n<h4 class=\"pt-cv-title\"><a href=\"https:\/\/www.dmsjuridica.com\/buscador_20179478954\/corteconstitucionalcronologico202454587\/t-356-00\/\" class=\"_self\" target=\"_self\" >T-356-00<\/a><\/h4>\n<div class=\"pt-cv-content\">DERECHO AL MINIMO VITAL DE EXTRABAJADOR-Pago de salarios y prestaciones sociales \u00a0 Referencia: expediente T-265951 \u00a0 Acci\u00f3n de tutela instaurada por Janneth Saldarriaga Mart\u00ednez contra el Hospital San Juan de Dios de Cali. \u00a0 Magistrado Ponente: \u00a0 Dr. JOS\u00c9 GREGORIO HERN\u00c1NDEZ GALINDO \u00a0 Santa Fe de Bogot\u00e1 D.C., veintisiete (27) de marzo de dos mil (2000). \u00a0 La Sala Quinta de Revisi\u00f3n de la Corte Constitucional, en ejercicio de sus competencias constitucionales y legales, espec\u00edficamente las previstas en los art\u00edculos 86 y 241, numeral 9, de la Constituci\u00f3n Pol\u00edtica y en el Decreto 2591 de 1.991, ha proferido la siguiente ...<br \/><div class=\"pt-cv-rmwrap\"><a href=\"https:\/\/www.dmsjuridica.com\/buscador_20179478954\/corteconstitucionalcronologico202454587\/t-356-00\/\" class=\"_self pt-cv-readmore btn btn-success\" target=\"_self\">Ver Sentencia Completa...<\/a><\/div><\/div><\/div><\/div>\n<div class=\"col-md-12 col-sm-12 col-xs-12 pt-cv-content-item pt-cv-1-col\" ><div class='pt-cv-ifield'><a href=\"https:\/\/www.dmsjuridica.com\/buscador_20179478954\/corteconstitucionalcronologico202454587\/t-355-00\/\" class=\"_self pt-cv-href-thumbnail pt-cv-thumb-default\" target=\"_self\" ><\/a>\n<div class=\"pt-cv-taxoterm above_title\"><a href='https:\/\/www.dmsjuridica.com\/buscador_20179478954\/corteconstitucionalcronologico202454587\/category\/buscar-en-toda-la-corte\/2000\/tutelas-2000\/' title='Tutelas 2000' class='pt-cv-tax-tutelas-2000'>Tutelas 2000<\/a><\/div>\n<h4 class=\"pt-cv-title\"><a href=\"https:\/\/www.dmsjuridica.com\/buscador_20179478954\/corteconstitucionalcronologico202454587\/t-355-00\/\" class=\"_self\" target=\"_self\" >T-355-00<\/a><\/h4>\n<div class=\"pt-cv-content\">\u00a0 \u00a0 Sentencia T-355\/00 \u00a0 ESTATUTO DEL PERSONAL DE AGENTES DE LA POLICIA NACIONAL-Traslado \u00a0 IUS VARIANDI-L\u00edmites\/IUS VARIANDI-Supeditado a derechos fundamentales de trabajadores \u00a0 La Corte reitera su jurisprudencia en el sentido de que la facultad patronal de modificar, en el curso de la relaci\u00f3n laboral, las condiciones de trabajo (\"ius variandi\") no es absoluta, pues ella puede resultar violatoria de derechos fundamentales si se ejerce de modo arbitrario y sin una clara justificaci\u00f3n sobre el motivo por el cual los cambios se producen y en torno a su necesidad. Es evidente que, si se \u00a0tratara apenas de dar libre ...<br \/><div class=\"pt-cv-rmwrap\"><a href=\"https:\/\/www.dmsjuridica.com\/buscador_20179478954\/corteconstitucionalcronologico202454587\/t-355-00\/\" class=\"_self pt-cv-readmore btn btn-success\" target=\"_self\">Ver Sentencia Completa...<\/a><\/div><\/div><\/div><\/div>\n<div class=\"col-md-12 col-sm-12 col-xs-12 pt-cv-content-item pt-cv-1-col\" ><div class='pt-cv-ifield'><a href=\"https:\/\/www.dmsjuridica.com\/buscador_20179478954\/corteconstitucionalcronologico202454587\/t-354-00\/\" class=\"_self pt-cv-href-thumbnail pt-cv-thumb-default\" target=\"_self\" ><\/a>\n<div class=\"pt-cv-taxoterm above_title\"><a href='https:\/\/www.dmsjuridica.com\/buscador_20179478954\/corteconstitucionalcronologico202454587\/category\/buscar-en-toda-la-corte\/2000\/tutelas-2000\/' title='Tutelas 2000' class='pt-cv-tax-tutelas-2000'>Tutelas 2000<\/a><\/div>\n<h4 class=\"pt-cv-title\"><a href=\"https:\/\/www.dmsjuridica.com\/buscador_20179478954\/corteconstitucionalcronologico202454587\/t-354-00\/\" class=\"_self\" target=\"_self\" >T-354-00<\/a><\/h4>\n<div class=\"pt-cv-content\">\u00a0 \u00a0 Sentencia T-354\/00 \u00a0 CONDUCTA LEGITIMA DE PARTICULAR-No prestaci\u00f3n de servicio de educaci\u00f3n por falta de contraprestaci\u00f3n econ\u00f3mica \u00a0 INSTITUCION UNIVERSITARIA-No reconocimiento de estudios por pago irregular no avalado ni conducta equ\u00edvoca \u00a0 Referencia: expediente T-265792 \u00a0 Acci\u00f3n de tutela incoada por Mar\u00eda Nubia Londo\u00f1o Palacio contra la Universidad de La Salle. \u00a0 Magistrado Ponente: \u00a0 Dr. JOS\u00c9 GREGORIO HERN\u00c1NDEZ GALINDO\u00a0 \u00a0 Santa Fe de Bogot\u00e1, D.C., veintisiete (27) de marzo de dos mil (2000). \u00a0 La Sala Quinta de Revisi\u00f3n de la Corte Constitucional, en ejercicio de sus competencias constitucionales y legales, espec\u00edficamente las previstas en los art\u00edculos ...<br \/><div class=\"pt-cv-rmwrap\"><a href=\"https:\/\/www.dmsjuridica.com\/buscador_20179478954\/corteconstitucionalcronologico202454587\/t-354-00\/\" class=\"_self pt-cv-readmore btn btn-success\" target=\"_self\">Ver Sentencia Completa...<\/a><\/div><\/div><\/div><\/div>\n<div class=\"col-md-12 col-sm-12 col-xs-12 pt-cv-content-item pt-cv-1-col\" ><div class='pt-cv-ifield'><a href=\"https:\/\/www.dmsjuridica.com\/buscador_20179478954\/corteconstitucionalcronologico202454587\/t-353-00\/\" class=\"_self pt-cv-href-thumbnail pt-cv-thumb-default\" target=\"_self\" ><\/a>\n<div class=\"pt-cv-taxoterm above_title\"><a href='https:\/\/www.dmsjuridica.com\/buscador_20179478954\/corteconstitucionalcronologico202454587\/category\/buscar-en-toda-la-corte\/2000\/tutelas-2000\/' title='Tutelas 2000' class='pt-cv-tax-tutelas-2000'>Tutelas 2000<\/a><\/div>\n<h4 class=\"pt-cv-title\"><a href=\"https:\/\/www.dmsjuridica.com\/buscador_20179478954\/corteconstitucionalcronologico202454587\/t-353-00\/\" class=\"_self\" target=\"_self\" >T-353-00<\/a><\/h4>\n<div class=\"pt-cv-content\">\u00a0 \u00a0 Sentencia T-353\/00 \u00a0 DERECHO DE PETICION-Car\u00e1cter respetuoso \u00a0 Elemento esencial del derecho de petici\u00f3n radica en que la persona que a \u00e9l acude formule sus solicitudes con el debido respeto hacia la autoridad. De lo contrario, la obligaci\u00f3n constitucional, que estar\u00eda a cargo del servidor o dependencia al cual se dirigi\u00f3 la petici\u00f3n, no nace a la vida jur\u00eddica. La falta de tal caracter\u00edstica de la solicitud sustrae el caso de la regla general, que exige oportuna contestaci\u00f3n, de fondo, sobre lo pedido. En esos t\u00e9rminos, si una solicitud irrespetuosa no es contestada, no se viola el derecho ...<br \/><div class=\"pt-cv-rmwrap\"><a href=\"https:\/\/www.dmsjuridica.com\/buscador_20179478954\/corteconstitucionalcronologico202454587\/t-353-00\/\" class=\"_self pt-cv-readmore btn btn-success\" target=\"_self\">Ver Sentencia Completa...<\/a><\/div><\/div><\/div><\/div>\n<div class=\"col-md-12 col-sm-12 col-xs-12 pt-cv-content-item pt-cv-1-col\" ><div class='pt-cv-ifield'><a href=\"https:\/\/www.dmsjuridica.com\/buscador_20179478954\/corteconstitucionalcronologico202454587\/t-352-00\/\" class=\"_self pt-cv-href-thumbnail pt-cv-thumb-default\" target=\"_self\" ><\/a>\n<div class=\"pt-cv-taxoterm above_title\"><a href='https:\/\/www.dmsjuridica.com\/buscador_20179478954\/corteconstitucionalcronologico202454587\/category\/buscar-en-toda-la-corte\/2000\/tutelas-2000\/' title='Tutelas 2000' class='pt-cv-tax-tutelas-2000'>Tutelas 2000<\/a><\/div>\n<h4 class=\"pt-cv-title\"><a href=\"https:\/\/www.dmsjuridica.com\/buscador_20179478954\/corteconstitucionalcronologico202454587\/t-352-00\/\" class=\"_self\" target=\"_self\" >T-352-00<\/a><\/h4>\n<div class=\"pt-cv-content\">\u00a0 \u00a0 Sentencia T-352\/00 \u00a0 DERECHO A LA DIGNIDAD HUMANA DEL INTERNO-Hacinamiento carcelario \u00a0 DERECHO A LA DIGNIDAD HUMANA DEL INTERNO-Falta de espacio y aire \u00a0 ACCION DE TUTELA-Carencia actual de objeto \u00a0 ESTABLECIMIENTO CARCELARIO-Hacinamiento \u00a0 ESTABLECIMIENTO CARCELARIO-Traslado de recluso por mot\u00edn y tentativa de fuga \u00a0 Referencia: expediente T-265454 \u00a0 Acci\u00f3n de tutela incoada por Niray Mart\u00ednez Rodr\u00edguez contra el Director de la C\u00e1rcel Distrital de Villavicencio. \u00a0 Magistrado Ponente: \u00a0 Dr. JOS\u00c9 GREGORIO HERN\u00c1NDEZ GALINDO\u00a0 \u00a0 Santa Fe de Bogot\u00e1, D.C., veintisiete (27) de marzo de dos mil (2000). \u00a0 La Sala Quinta de Revisi\u00f3n de la Corte ...<br \/><div class=\"pt-cv-rmwrap\"><a href=\"https:\/\/www.dmsjuridica.com\/buscador_20179478954\/corteconstitucionalcronologico202454587\/t-352-00\/\" class=\"_self pt-cv-readmore btn btn-success\" target=\"_self\">Ver Sentencia Completa...<\/a><\/div><\/div><\/div><\/div>\n<div class=\"col-md-12 col-sm-12 col-xs-12 pt-cv-content-item pt-cv-1-col\" ><div class='pt-cv-ifield'><a href=\"https:\/\/www.dmsjuridica.com\/buscador_20179478954\/corteconstitucionalcronologico202454587\/t-351-00\/\" class=\"_self pt-cv-href-thumbnail pt-cv-thumb-default\" target=\"_self\" ><\/a>\n<div class=\"pt-cv-taxoterm above_title\"><a href='https:\/\/www.dmsjuridica.com\/buscador_20179478954\/corteconstitucionalcronologico202454587\/category\/buscar-en-toda-la-corte\/2000\/tutelas-2000\/' title='Tutelas 2000' class='pt-cv-tax-tutelas-2000'>Tutelas 2000<\/a><\/div>\n<h4 class=\"pt-cv-title\"><a href=\"https:\/\/www.dmsjuridica.com\/buscador_20179478954\/corteconstitucionalcronologico202454587\/t-351-00\/\" class=\"_self\" target=\"_self\" >T-351-00<\/a><\/h4>\n<div class=\"pt-cv-content\">\u00a0 \u00a0 Sentencia T-351\/00 \u00a0 ACCION DE TUTELA-Procedencia excepcional pago de acreencias laborales \u00a0 DERECHO A LA VIDA DIGNA DEL PENSIONADO-Pago oportuno de mesadas \u00a0 DERECHO AL MINIMO VITAL DEL PENSIONADO-Presunci\u00f3n de afectaci\u00f3n por ausencia prolongada en pago de mesadas \u00a0 DERECHO AL MINIMO VITAL DEL PENSIONADO-Pago de mesadas no est\u00e1 a cargo de hijos o familiares por m\u00e1s profesionales y solventes que sean \u00a0 Referencia: expediente T-264914 \u00a0 Acci\u00f3n de tutela instaurada por Eduardo S\u00e1nchez Cuello contra el Gobernador del Magdalena y el Fondo Territorial del Pensiones. \u00a0 Magistrado Ponente: \u00a0 Dr. JOS\u00c9 GREGORIO HERN\u00c1NDEZ GALINDO \u00a0 Santa Fe ...<br \/><div class=\"pt-cv-rmwrap\"><a href=\"https:\/\/www.dmsjuridica.com\/buscador_20179478954\/corteconstitucionalcronologico202454587\/t-351-00\/\" class=\"_self pt-cv-readmore btn btn-success\" target=\"_self\">Ver Sentencia Completa...<\/a><\/div><\/div><\/div><\/div>\n<div class=\"col-md-12 col-sm-12 col-xs-12 pt-cv-content-item pt-cv-1-col\" ><div class='pt-cv-ifield'><a href=\"https:\/\/www.dmsjuridica.com\/buscador_20179478954\/corteconstitucionalcronologico202454587\/t-350-00\/\" class=\"_self pt-cv-href-thumbnail pt-cv-thumb-default\" target=\"_self\" ><\/a>\n<div class=\"pt-cv-taxoterm above_title\"><a href='https:\/\/www.dmsjuridica.com\/buscador_20179478954\/corteconstitucionalcronologico202454587\/category\/buscar-en-toda-la-corte\/2000\/tutelas-2000\/' title='Tutelas 2000' class='pt-cv-tax-tutelas-2000'>Tutelas 2000<\/a><\/div>\n<h4 class=\"pt-cv-title\"><a href=\"https:\/\/www.dmsjuridica.com\/buscador_20179478954\/corteconstitucionalcronologico202454587\/t-350-00\/\" class=\"_self\" target=\"_self\" >T-350-00<\/a><\/h4>\n<div class=\"pt-cv-content\">\u00a0 \u00a0 Sentencia T-350\/00 \u00a0 BONOS PENSIONALES-Procedencia de tutela para la remisi\u00f3n \u00a0 SUBORDINACION LABORAL-Conflicto derivado de relaci\u00f3n contractual para extrabajador \u00a0 CONCILIACION LABORAL-Pensi\u00f3n como derecho irrenunciable \u00a0 Referencia: \u00a0expediente T-264703 \u00a0 Acci\u00f3n de tutela incoada por Germ\u00e1n Alonso Camargo de Arco contra \"Occidental de Colombia, INC\". \u00a0 Magistrado Ponente: \u00a0 Dr. JOS\u00c9 GREGORIO HERN\u00c1NDEZ GALINDO\u00a0 \u00a0 Santa Fe de Bogot\u00e1, D.C., veintisiete (27) de marzo de dos mil (2000). \u00a0 La Sala Quinta de Revisi\u00f3n de la Corte Constitucional, en ejercicio de sus competencias constitucionales y legales, espec\u00edficamente las previstas en los art\u00edculos 86 y \u00a0241, numeral 9, de ...<br \/><div class=\"pt-cv-rmwrap\"><a href=\"https:\/\/www.dmsjuridica.com\/buscador_20179478954\/corteconstitucionalcronologico202454587\/t-350-00\/\" class=\"_self pt-cv-readmore btn btn-success\" target=\"_self\">Ver Sentencia Completa...<\/a><\/div><\/div><\/div><\/div>\n<div class=\"col-md-12 col-sm-12 col-xs-12 pt-cv-content-item pt-cv-1-col\" ><div class='pt-cv-ifield'><a href=\"https:\/\/www.dmsjuridica.com\/buscador_20179478954\/corteconstitucionalcronologico202454587\/t-349-00\/\" class=\"_self pt-cv-href-thumbnail pt-cv-thumb-default\" target=\"_self\" ><\/a>\n<div class=\"pt-cv-taxoterm above_title\"><a href='https:\/\/www.dmsjuridica.com\/buscador_20179478954\/corteconstitucionalcronologico202454587\/category\/buscar-en-toda-la-corte\/2000\/tutelas-2000\/' title='Tutelas 2000' class='pt-cv-tax-tutelas-2000'>Tutelas 2000<\/a><\/div>\n<h4 class=\"pt-cv-title\"><a href=\"https:\/\/www.dmsjuridica.com\/buscador_20179478954\/corteconstitucionalcronologico202454587\/t-349-00\/\" class=\"_self\" target=\"_self\" >T-349-00<\/a><\/h4>\n<div class=\"pt-cv-content\">\u00a0 \u00a0 Sentencia T-349\/00 \u00a0 ACCION DE TUTELA-Procedencia excepcional pago de acreencias laborales \u00a0 DERECHO AL TRABAJO EN CONDICIONES DIGNAS Y JUSTAS-Pago oportuno de salarios \u00a0 ESTABLECIMIENTO HOSPITALARIO-Situaci\u00f3n econ\u00f3mica o presupuestal no es \u00f3bice para desconocer obligaciones laborales \u00a0 Referencia: expediente T-264697 \u00a0 Acci\u00f3n de tutela instaurada por Rogelio Maya Salazar y otros contra el Hospital San Roque del Carmen de Atrato, Choc\u00f3 \u00a0 Magistrado Ponente: \u00a0 Dr. JOS\u00c9 GREGORIO HERN\u00c1NDEZ GALINDO \u00a0 Santa Fe de Bogot\u00e1 D.C., veintisiete (27) de marzo de dos mil (2000). \u00a0 La Sala Quinta de Revisi\u00f3n de la Corte Constitucional, en ejercicio de sus ...<br \/><div class=\"pt-cv-rmwrap\"><a href=\"https:\/\/www.dmsjuridica.com\/buscador_20179478954\/corteconstitucionalcronologico202454587\/t-349-00\/\" class=\"_self pt-cv-readmore btn btn-success\" target=\"_self\">Ver Sentencia Completa...<\/a><\/div><\/div><\/div><\/div>\n<div class=\"col-md-12 col-sm-12 col-xs-12 pt-cv-content-item pt-cv-1-col\" ><div class='pt-cv-ifield'><a href=\"https:\/\/www.dmsjuridica.com\/buscador_20179478954\/corteconstitucionalcronologico202454587\/t-348-00\/\" class=\"_self pt-cv-href-thumbnail pt-cv-thumb-default\" target=\"_self\" ><\/a>\n<div class=\"pt-cv-taxoterm above_title\"><a href='https:\/\/www.dmsjuridica.com\/buscador_20179478954\/corteconstitucionalcronologico202454587\/category\/buscar-en-toda-la-corte\/2000\/tutelas-2000\/' title='Tutelas 2000' class='pt-cv-tax-tutelas-2000'>Tutelas 2000<\/a><\/div>\n<h4 class=\"pt-cv-title\"><a href=\"https:\/\/www.dmsjuridica.com\/buscador_20179478954\/corteconstitucionalcronologico202454587\/t-348-00\/\" class=\"_self\" target=\"_self\" >T-348-00<\/a><\/h4>\n<div class=\"pt-cv-content\">\u00a0 \u00a0 Sentencia T-348\/00 \u00a0 FALLO DE TUTELA-Fallecimiento del actor \u00a0 ACCION DE TUTELA-Hecho consumado \u00a0 La jurisprudencia constitucional ha se\u00f1alado, por la naturaleza misma de las cosas, que carecer\u00edan de sentido las \u00f3rdenes o mandatos judiciales cuando ha operado la sustracci\u00f3n de materia, ya que cualquier disposici\u00f3n concreta emanada del juez constitucional ser\u00eda te\u00f3rica por falta de objeto en su aplicaci\u00f3n. Caer\u00eda en el vac\u00edo, haciendo perder a la tutela su car\u00e1cter de medio efectivo para la real protecci\u00f3n de los derechos fundamentales. \u00a0 ENTIDAD DE SALUD-Eficiente cobertura de seguridad social \u00a0 ENTIDAD DE SALUD-Preservaci\u00f3n de la subsistencia digna ...<br \/><div class=\"pt-cv-rmwrap\"><a href=\"https:\/\/www.dmsjuridica.com\/buscador_20179478954\/corteconstitucionalcronologico202454587\/t-348-00\/\" class=\"_self pt-cv-readmore btn btn-success\" target=\"_self\">Ver Sentencia Completa...<\/a><\/div><\/div><\/div><\/div>\n<div class=\"col-md-12 col-sm-12 col-xs-12 pt-cv-content-item pt-cv-1-col\" ><div class='pt-cv-ifield'><a href=\"https:\/\/www.dmsjuridica.com\/buscador_20179478954\/corteconstitucionalcronologico202454587\/t-347-00\/\" class=\"_self pt-cv-href-thumbnail pt-cv-thumb-default\" target=\"_self\" ><\/a>\n<div class=\"pt-cv-taxoterm above_title\"><a href='https:\/\/www.dmsjuridica.com\/buscador_20179478954\/corteconstitucionalcronologico202454587\/category\/buscar-en-toda-la-corte\/2000\/tutelas-2000\/' title='Tutelas 2000' class='pt-cv-tax-tutelas-2000'>Tutelas 2000<\/a><\/div>\n<h4 class=\"pt-cv-title\"><a href=\"https:\/\/www.dmsjuridica.com\/buscador_20179478954\/corteconstitucionalcronologico202454587\/t-347-00\/\" class=\"_self\" target=\"_self\" >T-347-00<\/a><\/h4>\n<div class=\"pt-cv-content\">\u00a0 \u00a0 Sentencia T-347\/00 \u00a0 SISTEMA GENERAL DE SEGURIDAD SOCIAL-Obligaci\u00f3n del empleador de afiliaci\u00f3n de trabajadores y traslado oportuno de cotizaciones \u00a0 SISTEMA GENERAL DE SEGURIDAD SOCIAL-Obligaci\u00f3n del empleador de afiliaci\u00f3n de trabajadores y traslado oportuno de cotizaciones\/SISTEMA GENERAL DE SEGURIDAD SOCIAL-Tr\u00e1mites est\u00e1n a cargo del empleador \u00a0 SISTEMA GENERAL DE SEGURIDAD SOCIAL-Para afiliaci\u00f3n no se requiere solicitud al empleador\u00a0 \u00a0 SISTEMA GENERAL DE SEGURIDAD SOCIAL-Responsabilidad del empleador por falta de inscripci\u00f3n o giro de cotizaciones \u00a0 EMPLEADOR-Asunci\u00f3n total de atenci\u00f3n de accidentes de trabajo, riesgos y eventualidades por no afiliaci\u00f3n o giro oportuno de cotizaciones \u00a0 EMPLEADOR-Asunci\u00f3n, en principio, ...<br \/><div class=\"pt-cv-rmwrap\"><a href=\"https:\/\/www.dmsjuridica.com\/buscador_20179478954\/corteconstitucionalcronologico202454587\/t-347-00\/\" class=\"_self pt-cv-readmore btn btn-success\" target=\"_self\">Ver Sentencia Completa...<\/a><\/div><\/div><\/div><\/div>\n<div class=\"col-md-12 col-sm-12 col-xs-12 pt-cv-content-item pt-cv-1-col\" ><div class='pt-cv-ifield'><a href=\"https:\/\/www.dmsjuridica.com\/buscador_20179478954\/corteconstitucionalcronologico202454587\/t-346-00\/\" class=\"_self pt-cv-href-thumbnail pt-cv-thumb-default\" target=\"_self\" ><\/a>\n<div class=\"pt-cv-taxoterm above_title\"><a href='https:\/\/www.dmsjuridica.com\/buscador_20179478954\/corteconstitucionalcronologico202454587\/category\/buscar-en-toda-la-corte\/2000\/tutelas-2000\/' title='Tutelas 2000' class='pt-cv-tax-tutelas-2000'>Tutelas 2000<\/a><\/div>\n<h4 class=\"pt-cv-title\"><a href=\"https:\/\/www.dmsjuridica.com\/buscador_20179478954\/corteconstitucionalcronologico202454587\/t-346-00\/\" class=\"_self\" target=\"_self\" >T-346-00<\/a><\/h4>\n<div class=\"pt-cv-content\">\u00a0 \u00a0 Sentencia T-346\/00 \u00a0 La Corte ha de reiterar que una de las condiciones para que el trabajo se desarrolle en las condiciones dignas y justas que exige la Carta, consiste en que el empleado reciba puntualmente la retribuci\u00f3n por su labor. Adem\u00e1s, debe recordarse que el derecho a recibir la remuneraci\u00f3n es de car\u00e1cter irrenunciable, y que el sistema jur\u00eddico ha buscado proteger preferentemente al trabajador, en su condici\u00f3n de parte m\u00e1s d\u00e9bil en la relaci\u00f3n laboral, pues \u00e9sta debe desarrollarse \"dentro de un esp\u00edritu de coordinaci\u00f3n econ\u00f3mica y equilibrio social\". \u00a0 ACCION DE TUTELA-Procedencia excepcional pago de ...<br \/><div class=\"pt-cv-rmwrap\"><a href=\"https:\/\/www.dmsjuridica.com\/buscador_20179478954\/corteconstitucionalcronologico202454587\/t-346-00\/\" class=\"_self pt-cv-readmore btn btn-success\" target=\"_self\">Ver Sentencia Completa...<\/a><\/div><\/div><\/div><\/div>\n<div class=\"col-md-12 col-sm-12 col-xs-12 pt-cv-content-item pt-cv-1-col\" ><div class='pt-cv-ifield'><a href=\"https:\/\/www.dmsjuridica.com\/buscador_20179478954\/corteconstitucionalcronologico202454587\/t-345-00\/\" class=\"_self pt-cv-href-thumbnail pt-cv-thumb-default\" target=\"_self\" ><\/a>\n<div class=\"pt-cv-taxoterm above_title\"><a href='https:\/\/www.dmsjuridica.com\/buscador_20179478954\/corteconstitucionalcronologico202454587\/category\/buscar-en-toda-la-corte\/2000\/tutelas-2000\/' title='Tutelas 2000' class='pt-cv-tax-tutelas-2000'>Tutelas 2000<\/a><\/div>\n<h4 class=\"pt-cv-title\"><a href=\"https:\/\/www.dmsjuridica.com\/buscador_20179478954\/corteconstitucionalcronologico202454587\/t-345-00\/\" class=\"_self\" target=\"_self\" >T-345-00<\/a><\/h4>\n<div class=\"pt-cv-content\">\u00a0 \u00a0 Sentencia T-345\/00 \u00a0 PERSONA JURIDICA-Titularidad de derechos fundamentales \u00a0 ACCION DE TUTELA-Procedencia excepcional pago de acreencias laborales \u00a0 DERECHO AL MINIMO VITAL DEL PENSIONADO-Pago oportuno de mesadas \u00a0 PERSONA JURIDICA-Pago oportuno de mesadas pensionales a afiliados \u00a0 Referencia: expediente T-264500 \u00a0 Acci\u00f3n de tutela instaurada por la Asociaci\u00f3n de Pensionados Oficiales de la Salud de Santander \u201cAPOSALDER\u201d contra el Hospital Psiqui\u00e1trico \"San Camilo\".\u00a0 \u00a0 Magistrado Ponente: \u00a0 Dr. JOS\u00c9 GREGORIO HERN\u00c1NDEZ GALINDO \u00a0 Santa Fe de Bogot\u00e1, D.C., veintisiete (27) de marzo de dos mil (2000). \u00a0 La Sala Quinta de Revisi\u00f3n de la Corte Constitucional, en ejercicio ...<br \/><div class=\"pt-cv-rmwrap\"><a href=\"https:\/\/www.dmsjuridica.com\/buscador_20179478954\/corteconstitucionalcronologico202454587\/t-345-00\/\" class=\"_self pt-cv-readmore btn btn-success\" target=\"_self\">Ver Sentencia Completa...<\/a><\/div><\/div><\/div><\/div>\n<div class=\"col-md-12 col-sm-12 col-xs-12 pt-cv-content-item pt-cv-1-col\" ><div class='pt-cv-ifield'><a href=\"https:\/\/www.dmsjuridica.com\/buscador_20179478954\/corteconstitucionalcronologico202454587\/t-344-00\/\" class=\"_self pt-cv-href-thumbnail pt-cv-thumb-default\" target=\"_self\" ><\/a>\n<div class=\"pt-cv-taxoterm above_title\"><a href='https:\/\/www.dmsjuridica.com\/buscador_20179478954\/corteconstitucionalcronologico202454587\/category\/buscar-en-toda-la-corte\/2000\/tutelas-2000\/' title='Tutelas 2000' class='pt-cv-tax-tutelas-2000'>Tutelas 2000<\/a><\/div>\n<h4 class=\"pt-cv-title\"><a href=\"https:\/\/www.dmsjuridica.com\/buscador_20179478954\/corteconstitucionalcronologico202454587\/t-344-00\/\" class=\"_self\" target=\"_self\" >T-344-00<\/a><\/h4>\n<div class=\"pt-cv-content\">\u00a0 \u00a0 Sentencia T-344\/00 \u00a0 CARRERA JUDICIAL-Nombramiento de quien obtuvo el primer puesto \u00a0 DERECHO A LA IGUALDAD EN CARRERA JUDICIAL-Nombramiento de quien obtuvo el primer puesto \u00a0 SISTEMA DE CARRERA ADMINISTRATIVA Y JUDICIAL-M\u00e9rito como elemento esencial \u00a0 CARRERA JUDICIAL-Nombramiento de funcionarios y empleados que obtuvieron el primer puesto \u00a0 CARRERA JUDICIAL-Designaci\u00f3n como consecuencia de traslado \u00a0 ACCION DE TUTELA-T\u00e9rmino de presentaci\u00f3n \u00a0 ACCION DE TUTELA-Inmediatez \u00a0 ACCION DE TUTELA-Razonabilidad en presentaci\u00f3n y derechos fundamentales de terceros afectados \u00a0 Referencia: expediente T-262220 \u00a0 Acci\u00f3n de tutela incoada por Pedro Jos\u00e9 Camelo Chawes contra la Sala Civil del Tribunal Superior del ...<br \/><div class=\"pt-cv-rmwrap\"><a href=\"https:\/\/www.dmsjuridica.com\/buscador_20179478954\/corteconstitucionalcronologico202454587\/t-344-00\/\" class=\"_self pt-cv-readmore btn btn-success\" target=\"_self\">Ver Sentencia Completa...<\/a><\/div><\/div><\/div><\/div>\n<div class=\"col-md-12 col-sm-12 col-xs-12 pt-cv-content-item pt-cv-1-col\" ><div class='pt-cv-ifield'><a href=\"https:\/\/www.dmsjuridica.com\/buscador_20179478954\/corteconstitucionalcronologico202454587\/t-343-00\/\" class=\"_self pt-cv-href-thumbnail pt-cv-thumb-default\" target=\"_self\" ><\/a>\n<div class=\"pt-cv-taxoterm above_title\"><a href='https:\/\/www.dmsjuridica.com\/buscador_20179478954\/corteconstitucionalcronologico202454587\/category\/buscar-en-toda-la-corte\/2000\/tutelas-2000\/' title='Tutelas 2000' class='pt-cv-tax-tutelas-2000'>Tutelas 2000<\/a><\/div>\n<h4 class=\"pt-cv-title\"><a href=\"https:\/\/www.dmsjuridica.com\/buscador_20179478954\/corteconstitucionalcronologico202454587\/t-343-00\/\" class=\"_self\" target=\"_self\" >T-343-00<\/a><\/h4>\n<div class=\"pt-cv-content\">\u00a0 \u00a0 Sentencia T-343\/00 \u00a0 ACCION DE TUTELA-Procedencia excepcional pago de acreencias laborales\/DERECHO A LA VIDA DIGNA DEL PENSIONADO-Pago oportuno de mesadas \u00a0 DERECHO AL MINIMO VITAL DEL PENSIONADO-Pago oportuno de mesadas \u00a0 DERECHO A LA SEGURIDAD SOCIAL DEL PENSIONADO-Pago oportuno de aportes por empleador \u00a0 INFORMES EN TUTELA-Presunci\u00f3n de veracidad sobre los hechos \u00a0 FONDO NACIONAL DE PENSIONES DE ENTIDADES TERRITORIALES-Pago de mesadas \u00a0 Referencia: expedientes T-259709, T-259713 y T-265320 \u00a0 Acciones de tutela instauradas por Sabina Mart\u00ednez Castro, Mery Enriqueta Rengifo Hurtado y Cenci\u00f3n Cosme C\u00f3rdoba Ibarguen contra el Municipio de Buenaventura.\u00a0 \u00a0 Magistrado Ponente: \u00a0 Dr. JOS\u00c9 ...<br \/><div class=\"pt-cv-rmwrap\"><a href=\"https:\/\/www.dmsjuridica.com\/buscador_20179478954\/corteconstitucionalcronologico202454587\/t-343-00\/\" class=\"_self pt-cv-readmore btn btn-success\" target=\"_self\">Ver Sentencia Completa...<\/a><\/div><\/div><\/div><\/div>\n<div class=\"col-md-12 col-sm-12 col-xs-12 pt-cv-content-item pt-cv-1-col\" ><div class='pt-cv-ifield'><a href=\"https:\/\/www.dmsjuridica.com\/buscador_20179478954\/corteconstitucionalcronologico202454587\/t-342-00\/\" class=\"_self pt-cv-href-thumbnail pt-cv-thumb-default\" target=\"_self\" ><\/a>\n<div class=\"pt-cv-taxoterm above_title\"><a href='https:\/\/www.dmsjuridica.com\/buscador_20179478954\/corteconstitucionalcronologico202454587\/category\/buscar-en-toda-la-corte\/2000\/tutelas-2000\/' title='Tutelas 2000' class='pt-cv-tax-tutelas-2000'>Tutelas 2000<\/a><\/div>\n<h4 class=\"pt-cv-title\"><a href=\"https:\/\/www.dmsjuridica.com\/buscador_20179478954\/corteconstitucionalcronologico202454587\/t-342-00\/\" class=\"_self\" target=\"_self\" >T-342-00<\/a><\/h4>\n<div class=\"pt-cv-content\">\u00a0 \u00a0 Sentencia T-342\/00 \u00a0 INAPLICACION DE NORMAS DEL PLAN OBLIGATORIO DE SALUD-Suministro de tratamiento de alto costo sin cumplir periodo m\u00ednimo de cotizaci\u00f3n en persona de escasos recursos \u00a0 INSTITUCION PUBLICA DE SALUD-Atenci\u00f3n a pacientes que no han cotizado las semanas requeridas ni tienen recursos econ\u00f3micos para cubrir el ciento por ciento del tratamiento \u00a0 Referencia: expediente T-265548 \u00a0 Acci\u00f3n de tutela instaurada por Vitelvina Pimiento G\u00f3mez contra el Seguro Social \u00a0 Magistrado ponente: \u00a0 Dr. JOS\u00c9 GREGORIO HERN\u00c1NDEZ GALINDO \u00a0 Santa Fe de Bogot\u00e1 D.C., veintisiete (27) de marzo de dos mil (2000). \u00a0 La Sala Quinta de ...<br \/><div class=\"pt-cv-rmwrap\"><a href=\"https:\/\/www.dmsjuridica.com\/buscador_20179478954\/corteconstitucionalcronologico202454587\/t-342-00\/\" class=\"_self pt-cv-readmore btn btn-success\" target=\"_self\">Ver Sentencia Completa...<\/a><\/div><\/div><\/div><\/div>\n<div class=\"col-md-12 col-sm-12 col-xs-12 pt-cv-content-item pt-cv-1-col\" ><div class='pt-cv-ifield'><a href=\"https:\/\/www.dmsjuridica.com\/buscador_20179478954\/corteconstitucionalcronologico202454587\/t-341-00\/\" class=\"_self pt-cv-href-thumbnail pt-cv-thumb-default\" target=\"_self\" ><\/a>\n<div class=\"pt-cv-taxoterm above_title\"><a href='https:\/\/www.dmsjuridica.com\/buscador_20179478954\/corteconstitucionalcronologico202454587\/category\/buscar-en-toda-la-corte\/2000\/tutelas-2000\/' title='Tutelas 2000' class='pt-cv-tax-tutelas-2000'>Tutelas 2000<\/a><\/div>\n<h4 class=\"pt-cv-title\"><a href=\"https:\/\/www.dmsjuridica.com\/buscador_20179478954\/corteconstitucionalcronologico202454587\/t-341-00\/\" class=\"_self\" target=\"_self\" >T-341-00<\/a><\/h4>\n<div class=\"pt-cv-content\">\u00a0 \u00a0 Sentencia T-341\/00 \u00a0 ACCION DE TUTELA-Procedencia excepcional pago de acreencias laborales \u00a0 DERECHO AL PAGO OPORTUNO DEL SALARIO-Condicionamiento a tiempos indefinidos \u00a0 DERECHO AL PAGO OPORTUNO DEL SALARIO-Fundamental \u00a0 DERECHO AL MINIMO VITAL DEL TRABAJADOR-Pago oportuno de salarios \u00a0 Referencia: expediente T-266115 \u00a0 Acci\u00f3n de tutela instaurada por Julia Mercedes de La Barrera Mart\u00ednez contra el Hospital \"San Pablo\" de Cartagena.\u00a0 \u00a0 Magistrado Ponente: \u00a0 Dr. JOS\u00c9 GREGORIO HERN\u00c1NDEZ GALINDO \u00a0 Santa Fe de Bogot\u00e1 D.C., veintitr\u00e9s (23) de marzo de dos mil (2000). \u00a0 La Sala Quinta de Revisi\u00f3n de la Corte Constitucional, en ejercicio de sus ...<br \/><div class=\"pt-cv-rmwrap\"><a href=\"https:\/\/www.dmsjuridica.com\/buscador_20179478954\/corteconstitucionalcronologico202454587\/t-341-00\/\" class=\"_self pt-cv-readmore btn btn-success\" target=\"_self\">Ver Sentencia Completa...<\/a><\/div><\/div><\/div><\/div>\n<div class=\"col-md-12 col-sm-12 col-xs-12 pt-cv-content-item pt-cv-1-col\" ><div class='pt-cv-ifield'><a href=\"https:\/\/www.dmsjuridica.com\/buscador_20179478954\/corteconstitucionalcronologico202454587\/t-340-00\/\" class=\"_self pt-cv-href-thumbnail pt-cv-thumb-default\" target=\"_self\" ><\/a>\n<div class=\"pt-cv-taxoterm above_title\"><a href='https:\/\/www.dmsjuridica.com\/buscador_20179478954\/corteconstitucionalcronologico202454587\/category\/buscar-en-toda-la-corte\/2000\/tutelas-2000\/' title='Tutelas 2000' class='pt-cv-tax-tutelas-2000'>Tutelas 2000<\/a><\/div>\n<h4 class=\"pt-cv-title\"><a href=\"https:\/\/www.dmsjuridica.com\/buscador_20179478954\/corteconstitucionalcronologico202454587\/t-340-00\/\" class=\"_self\" target=\"_self\" >T-340-00<\/a><\/h4>\n<div class=\"pt-cv-content\">\u00a0 \u00a0 Sentencia T-340\/00 \u00a0 JUEZ DE TUTELA-An\u00e1lisis de hechos y confrontaci\u00f3n con las pruebas aportadas \u00a0 PRINCIPIO DE OFICIOSIDAD E INMEDIATEZ-Aplicaci\u00f3n por el juez de tutela \u00a0 ACCION DE TUTELA TEMERARIA-Inexistencia para solicitar pago de mesadas pensionales de otros periodos \u00a0 DERECHO AL MINIMO VITAL DEL PENSIONADO-Pago oportuno de mesadas \u00a0 Referencia: expediente T-264631 \u00a0 Acci\u00f3n de tutela instaurada por Julio Ad\u00e1n Tabares Mart\u00ednez \u00a0contra Acer\u00edas Paz del R\u00edo S.A. \u00a0 Magistrado Ponente: \u00a0 Dr. JOS\u00c9 GREGORIO HERN\u00c1NDEZ GALINDO \u00a0 Santa Fe de Bogot\u00e1, D.C., veintitr\u00e9s (23) de marzo de dos mil (2000). \u00a0 La Sala Quinta de Revisi\u00f3n ...<br \/><div class=\"pt-cv-rmwrap\"><a href=\"https:\/\/www.dmsjuridica.com\/buscador_20179478954\/corteconstitucionalcronologico202454587\/t-340-00\/\" class=\"_self pt-cv-readmore btn btn-success\" target=\"_self\">Ver Sentencia Completa...<\/a><\/div><\/div><\/div><\/div>\n<div class=\"col-md-12 col-sm-12 col-xs-12 pt-cv-content-item pt-cv-1-col\" ><div class='pt-cv-ifield'><a href=\"https:\/\/www.dmsjuridica.com\/buscador_20179478954\/corteconstitucionalcronologico202454587\/t-339-00\/\" class=\"_self pt-cv-href-thumbnail pt-cv-thumb-default\" target=\"_self\" ><\/a>\n<div class=\"pt-cv-taxoterm above_title\"><a href='https:\/\/www.dmsjuridica.com\/buscador_20179478954\/corteconstitucionalcronologico202454587\/category\/buscar-en-toda-la-corte\/2000\/tutelas-2000\/' title='Tutelas 2000' class='pt-cv-tax-tutelas-2000'>Tutelas 2000<\/a><\/div>\n<h4 class=\"pt-cv-title\"><a href=\"https:\/\/www.dmsjuridica.com\/buscador_20179478954\/corteconstitucionalcronologico202454587\/t-339-00\/\" class=\"_self\" target=\"_self\" >T-339-00<\/a><\/h4>\n<div class=\"pt-cv-content\">\u00a0 \u00a0 Sentencia T-339\/00\u00a0 \u00a0 ACCION DE TUTELA CONTRA ASOCIACION SIN ANIMO DE LUCRO-Procedencia \u00a0 SALARIO-Pago oportuno y completo \u00a0 ACCION DE TUTELA-Procedencia excepcional pago de acreencias laborales \u00a0 DERECHO AL PAGO OPORTUNO DEL SALARIO-Fundamental \u00a0 DERECHO AL MINIMO VITAL DEL TRABAJADOR-Pago oportuno de salarios \u00a0 Referencia: expedientes acumulados T-265423 y T-265424 \u00a0 Acciones de tutela instauradas por Umaira D\u00edaz Saray y Salvador Murillo Luque contra la Corporaci\u00f3n Deportiva y Social \"La Amistad\" de Acac\u00edas. \u00a0 Magistrado Ponente: \u00a0 Dr. JOS\u00c9 GREGORIO HERN\u00c1NDEZ GALINDO \u00a0 Santa Fe de Bogot\u00e1 D.C., veintitr\u00e9s (23) de marzo de dos mil (2000). \u00a0 La ...<br \/><div class=\"pt-cv-rmwrap\"><a href=\"https:\/\/www.dmsjuridica.com\/buscador_20179478954\/corteconstitucionalcronologico202454587\/t-339-00\/\" class=\"_self pt-cv-readmore btn btn-success\" target=\"_self\">Ver Sentencia Completa...<\/a><\/div><\/div><\/div><\/div>\n<div class=\"col-md-12 col-sm-12 col-xs-12 pt-cv-content-item pt-cv-1-col\" ><div class='pt-cv-ifield'><a href=\"https:\/\/www.dmsjuridica.com\/buscador_20179478954\/corteconstitucionalcronologico202454587\/t-338-00\/\" class=\"_self pt-cv-href-thumbnail pt-cv-thumb-default\" target=\"_self\" ><\/a>\n<div class=\"pt-cv-taxoterm above_title\"><a href='https:\/\/www.dmsjuridica.com\/buscador_20179478954\/corteconstitucionalcronologico202454587\/category\/buscar-en-toda-la-corte\/2000\/tutelas-2000\/' title='Tutelas 2000' class='pt-cv-tax-tutelas-2000'>Tutelas 2000<\/a><\/div>\n<h4 class=\"pt-cv-title\"><a href=\"https:\/\/www.dmsjuridica.com\/buscador_20179478954\/corteconstitucionalcronologico202454587\/t-338-00\/\" class=\"_self\" target=\"_self\" >T-338-00<\/a><\/h4>\n<div class=\"pt-cv-content\">\u00a0 \u00a0 Sentencia T-338\/00 \u00a0 INFORMES EN TUTELA-Presunci\u00f3n de veracidad sobre los hechos \u00a0 DERECHO AL TRABAJO EN CONDICIONES DIGNAS Y JUSTAS-Pago oportuno de salarios \u00a0 ACCION DE TUTELA-Procedencia excepcional pago de acreencias laborales \u00a0 DERECHO AL PAGO OPORTUNO DEL SALARIO-Fundamental \u00a0 EMPLEADOR-Situaci\u00f3n econ\u00f3mica o presupuestal no es \u00f3bice para desconocer obligaciones laborales \u00a0 MUNICIPIO-Pago oportuno de salarios \u00a0 Referencia: expediente T-265192\u00a0 \u00a0 Acci\u00f3n de tutela instaurada por Yuleima Cecilia Candelario Jim\u00e9nez contra Municipio de Ci\u00e9naga. \u00a0 \u00a0 Dr. JOS\u00c9 GREGORIO HERN\u00c1NDEZ GALINDO \u00a0 Santa Fe de Bogot\u00e1 D.C., veintitr\u00e9s (23) de marzo de dos mil (2000). \u00a0 La Sala ...<br \/><div class=\"pt-cv-rmwrap\"><a href=\"https:\/\/www.dmsjuridica.com\/buscador_20179478954\/corteconstitucionalcronologico202454587\/t-338-00\/\" class=\"_self pt-cv-readmore btn btn-success\" target=\"_self\">Ver Sentencia Completa...<\/a><\/div><\/div><\/div><\/div>\n<div class=\"col-md-12 col-sm-12 col-xs-12 pt-cv-content-item pt-cv-1-col\" ><div class='pt-cv-ifield'><a href=\"https:\/\/www.dmsjuridica.com\/buscador_20179478954\/corteconstitucionalcronologico202454587\/t-337-00\/\" class=\"_self pt-cv-href-thumbnail pt-cv-thumb-default\" target=\"_self\" ><\/a>\n<div class=\"pt-cv-taxoterm above_title\"><a href='https:\/\/www.dmsjuridica.com\/buscador_20179478954\/corteconstitucionalcronologico202454587\/category\/buscar-en-toda-la-corte\/2000\/tutelas-2000\/' title='Tutelas 2000' class='pt-cv-tax-tutelas-2000'>Tutelas 2000<\/a><\/div>\n<h4 class=\"pt-cv-title\"><a href=\"https:\/\/www.dmsjuridica.com\/buscador_20179478954\/corteconstitucionalcronologico202454587\/t-337-00\/\" class=\"_self\" target=\"_self\" >T-337-00<\/a><\/h4>\n<div class=\"pt-cv-content\">\u00a0 \u00a0 Sentencia T-337\/00 \u00a0 PLAN OBLIGATORIO DE SALUD SUBSIDIADO-Complementaci\u00f3n de los servicios a cargo de los recursos del subsidio a la oferta \u00a0 PLAN OBLIGATORIO DE SALUD SUBSIDIADO-Servicios no incluidos, beneficiarios tendr\u00e1n prioridad para atenci\u00f3n por instituciones p\u00fablicas o privadas con las que el Estado tenga contrato \u00a0 INSTITUCION PUBLICA DE SALUD-Entidad a cargo de nueva cirug\u00eda \u00a0 EMPRESA SOLIDARIA DE SALUD-Transporte de pacientes \u00a0 DERECHO A LA SALUD-Suministro de medicamentos \u00a0 MEDIO DE DEFENSA JUDICIAL-Responsabilidad por accidente en intervenci\u00f3n quir\u00fargica \u00a0 Sala Segunda de Revisi\u00f3n \u00a0 Referencia: expediente T-280.607 \u00a0 Acci\u00f3n de tutela instaurada por Gladys Pinto Bonilla ...<br \/><div class=\"pt-cv-rmwrap\"><a href=\"https:\/\/www.dmsjuridica.com\/buscador_20179478954\/corteconstitucionalcronologico202454587\/t-337-00\/\" class=\"_self pt-cv-readmore btn btn-success\" target=\"_self\">Ver Sentencia Completa...<\/a><\/div><\/div><\/div><\/div>\n<div class=\"col-md-12 col-sm-12 col-xs-12 pt-cv-content-item pt-cv-1-col\" ><div class='pt-cv-ifield'><a href=\"https:\/\/www.dmsjuridica.com\/buscador_20179478954\/corteconstitucionalcronologico202454587\/t-336-00\/\" class=\"_self pt-cv-href-thumbnail pt-cv-thumb-default\" target=\"_self\" ><\/a>\n<div class=\"pt-cv-taxoterm above_title\"><a href='https:\/\/www.dmsjuridica.com\/buscador_20179478954\/corteconstitucionalcronologico202454587\/category\/buscar-en-toda-la-corte\/2000\/tutelas-2000\/' title='Tutelas 2000' class='pt-cv-tax-tutelas-2000'>Tutelas 2000<\/a><\/div>\n<h4 class=\"pt-cv-title\"><a href=\"https:\/\/www.dmsjuridica.com\/buscador_20179478954\/corteconstitucionalcronologico202454587\/t-336-00\/\" class=\"_self\" target=\"_self\" >T-336-00<\/a><\/h4>\n<div class=\"pt-cv-content\">\u00a0 \u00a0 Sentencia T-336\/00 \u00a0 DERECHO DE ASOCIACION-Dimensiones \u00a0 Ha dicho la Corte Constitucional que el derecho fundamental de asociaci\u00f3n, tiene dos dimensiones, a saber: una positiva que consiste en la facultad que tienen todas las personas para fundar o integrar libremente, en forma voluntaria, organizaciones reconocidas por el Estado y capacitadas para operar en el tr\u00e1fico jur\u00eddico, comprometidas en la realizaci\u00f3n de diversos proyectos, ya sea de car\u00e1cter social, cultural, econ\u00f3mico, etc.; y, una dimensi\u00f3n o faceta de car\u00e1cter negativo derivada en forma directa del derecho de libertad y, se expresa en la facultad que tiene toda persona para ...<br \/><div class=\"pt-cv-rmwrap\"><a href=\"https:\/\/www.dmsjuridica.com\/buscador_20179478954\/corteconstitucionalcronologico202454587\/t-336-00\/\" class=\"_self pt-cv-readmore btn btn-success\" target=\"_self\">Ver Sentencia Completa...<\/a><\/div><\/div><\/div><\/div>\n<div class=\"col-md-12 col-sm-12 col-xs-12 pt-cv-content-item pt-cv-1-col\" ><div class='pt-cv-ifield'><a href=\"https:\/\/www.dmsjuridica.com\/buscador_20179478954\/corteconstitucionalcronologico202454587\/t-335-00\/\" class=\"_self pt-cv-href-thumbnail pt-cv-thumb-default\" target=\"_self\" ><\/a>\n<div class=\"pt-cv-taxoterm above_title\"><a href='https:\/\/www.dmsjuridica.com\/buscador_20179478954\/corteconstitucionalcronologico202454587\/category\/buscar-en-toda-la-corte\/2000\/tutelas-2000\/' title='Tutelas 2000' class='pt-cv-tax-tutelas-2000'>Tutelas 2000<\/a><\/div>\n<h4 class=\"pt-cv-title\"><a href=\"https:\/\/www.dmsjuridica.com\/buscador_20179478954\/corteconstitucionalcronologico202454587\/t-335-00\/\" class=\"_self\" target=\"_self\" >T-335-00<\/a><\/h4>\n<div class=\"pt-cv-content\">\u00a0 \u00a0 Sentencia T-335\/00 \u00a0 La jurisdicci\u00f3n laboral es la competente para resolver los conflictos que surjan con ocasi\u00f3n de un contrato de trabajo. En vista de que el derecho a la no discriminaci\u00f3n es inherente al contrato de trabajo; el salario es uno de los elementos esenciales del contrato de trabajo; y, finalmente, hace parte del mencionado contrato la obligaci\u00f3n del empleador de respetar el ejercicio de los derechos de asociaci\u00f3n sindical del trabajador, no cabe duda de que la justicia laboral es la competente para resolver este tipo de asuntos y sentar las pautas doctrinales que gu\u00eden la ...<br \/><div class=\"pt-cv-rmwrap\"><a href=\"https:\/\/www.dmsjuridica.com\/buscador_20179478954\/corteconstitucionalcronologico202454587\/t-335-00\/\" class=\"_self pt-cv-readmore btn btn-success\" target=\"_self\">Ver Sentencia Completa...<\/a><\/div><\/div><\/div><\/div>\n<div class=\"col-md-12 col-sm-12 col-xs-12 pt-cv-content-item pt-cv-1-col\" ><div class='pt-cv-ifield'><a href=\"https:\/\/www.dmsjuridica.com\/buscador_20179478954\/corteconstitucionalcronologico202454587\/t-334-00\/\" class=\"_self pt-cv-href-thumbnail pt-cv-thumb-default\" target=\"_self\" ><\/a>\n<div class=\"pt-cv-taxoterm above_title\"><a href='https:\/\/www.dmsjuridica.com\/buscador_20179478954\/corteconstitucionalcronologico202454587\/category\/buscar-en-toda-la-corte\/2000\/tutelas-2000\/' title='Tutelas 2000' class='pt-cv-tax-tutelas-2000'>Tutelas 2000<\/a><\/div>\n<h4 class=\"pt-cv-title\"><a href=\"https:\/\/www.dmsjuridica.com\/buscador_20179478954\/corteconstitucionalcronologico202454587\/t-334-00\/\" class=\"_self\" target=\"_self\" >T-334-00<\/a><\/h4>\n<div class=\"pt-cv-content\">\u00a0 \u00a0 Sentencia T-334\/00 \u00a0 ACCION DE TUTELA-Hecho superado \u00a0 En reiterada jurisprudencia, esta Corporaci\u00f3n ha sostenido que cuando los hechos que dieron lugar a la acci\u00f3n de tutela han desaparecido al momento de dictarse sentencia, el amparo constitucional pierde su raz\u00f3n de ser por no existir un objeto jur\u00eddico tutelable. En consecuencia, en el presente caso la tutela debe negarse por sustracci\u00f3n de materia, pues el actor ya obtuvo lo pretendido en la demanda de tutela. \u00a0 LIBERTAD PROVISIONAL-Presentaci\u00f3n ante el funcionario de conocimiento\/LIBERTAD PROVISIONAL-Solicitud por vencimiento de t\u00e9rminos para calificar m\u00e9rito del sumario \u00a0 HABEAS CORPUS-Dilaci\u00f3n injustificada para ...<br \/><div class=\"pt-cv-rmwrap\"><a href=\"https:\/\/www.dmsjuridica.com\/buscador_20179478954\/corteconstitucionalcronologico202454587\/t-334-00\/\" class=\"_self pt-cv-readmore btn btn-success\" target=\"_self\">Ver Sentencia Completa...<\/a><\/div><\/div><\/div><\/div>\n<div class=\"col-md-12 col-sm-12 col-xs-12 pt-cv-content-item pt-cv-1-col\" ><div class='pt-cv-ifield'><a href=\"https:\/\/www.dmsjuridica.com\/buscador_20179478954\/corteconstitucionalcronologico202454587\/t-333-00\/\" class=\"_self pt-cv-href-thumbnail pt-cv-thumb-default\" target=\"_self\" ><\/a>\n<div class=\"pt-cv-taxoterm above_title\"><a href='https:\/\/www.dmsjuridica.com\/buscador_20179478954\/corteconstitucionalcronologico202454587\/category\/buscar-en-toda-la-corte\/2000\/tutelas-2000\/' title='Tutelas 2000' class='pt-cv-tax-tutelas-2000'>Tutelas 2000<\/a><\/div>\n<h4 class=\"pt-cv-title\"><a href=\"https:\/\/www.dmsjuridica.com\/buscador_20179478954\/corteconstitucionalcronologico202454587\/t-333-00\/\" class=\"_self\" target=\"_self\" >T-333-00<\/a><\/h4>\n<div class=\"pt-cv-content\">\u00a0 \u00a0 Sentencia T-333\/00 \u00a0 DECOMISO PREVENTIVO DE PRODUCTOS ELABORADOS CON INSUMOS TOXICOS-Trascendencia p\u00fablica as\u00ed tenga repercusiones econ\u00f3micas\/DERECHO A LA SALUD DEL CONSUMIDOR-Utilizaci\u00f3n de sustancia qu\u00edmica prohibida en fabricaci\u00f3n de productos alimenticios \u00a0 El decomiso preventivo de productos elaborados con insumos t\u00f3xicos, su destrucci\u00f3n, la pr\u00e1ctica de pruebas qu\u00edmicas, entre otros procedimientos sanitarios, son hechos que trascienden al p\u00fablico y no pueden permanecer en la clandestinidad, as\u00ed ello tenga repercusiones econ\u00f3micas para los agentes involucrados. No puede pretender una firma que usa como insumo una sustancia t\u00f3xica prohibida, peligrosa para la salud humana, que el informe de la autoridad sanitaria ...<br \/><div class=\"pt-cv-rmwrap\"><a href=\"https:\/\/www.dmsjuridica.com\/buscador_20179478954\/corteconstitucionalcronologico202454587\/t-333-00\/\" class=\"_self pt-cv-readmore btn btn-success\" target=\"_self\">Ver Sentencia Completa...<\/a><\/div><\/div><\/div><\/div>\n<div class=\"col-md-12 col-sm-12 col-xs-12 pt-cv-content-item pt-cv-1-col\" ><div class='pt-cv-ifield'><a href=\"https:\/\/www.dmsjuridica.com\/buscador_20179478954\/corteconstitucionalcronologico202454587\/t-323-00\/\" class=\"_self pt-cv-href-thumbnail pt-cv-thumb-default\" target=\"_self\" ><\/a>\n<div class=\"pt-cv-taxoterm above_title\"><a href='https:\/\/www.dmsjuridica.com\/buscador_20179478954\/corteconstitucionalcronologico202454587\/category\/buscar-en-toda-la-corte\/2000\/tutelas-2000\/' title='Tutelas 2000' class='pt-cv-tax-tutelas-2000'>Tutelas 2000<\/a><\/div>\n<h4 class=\"pt-cv-title\"><a href=\"https:\/\/www.dmsjuridica.com\/buscador_20179478954\/corteconstitucionalcronologico202454587\/t-323-00\/\" class=\"_self\" target=\"_self\" >T-323-00<\/a><\/h4>\n<div class=\"pt-cv-content\">\u00a0 \u00a0 Sentencia T-323\/00 \u00a0 ACCION DE TUTELA-Procedencia excepcional pago de acreencias laborales \u00a0 ACCION DE TUTELA-Improcedencia para reconocimiento de prestaciones sociales \u00a0 REVOCACION DIRECTA DE ACTO ADMINISTRATIVO PARTICULAR Y CONCRETO-Consentimiento expreso y escrito \u00a0del titular \u00a0 PENSION DE SOBREVIVIENTES-Interrupci\u00f3n arbitraria a hijo mayor de dieciocho a\u00f1os incapacitado para trabajar por raz\u00f3n de estudios y dependiente econ\u00f3micamente al momento de la muerte \u00a0 DERECHO A LA EDUCACION-Suspensi\u00f3n de pensi\u00f3n por llegar hijo a los dieciocho a\u00f1os \u00a0 PENSION DE SOBREVIVIENTES-Suspensi\u00f3n invocando disposici\u00f3n anterior a la Constituci\u00f3n y desconociendo ley de seguridad social \u00a0 Referencia: expediente T-264269 \u00a0 Acci\u00f3n de tutela ...<br \/><div class=\"pt-cv-rmwrap\"><a href=\"https:\/\/www.dmsjuridica.com\/buscador_20179478954\/corteconstitucionalcronologico202454587\/t-323-00\/\" class=\"_self pt-cv-readmore btn btn-success\" target=\"_self\">Ver Sentencia Completa...<\/a><\/div><\/div><\/div><\/div>\n<div class=\"col-md-12 col-sm-12 col-xs-12 pt-cv-content-item pt-cv-1-col\" ><div class='pt-cv-ifield'><a href=\"https:\/\/www.dmsjuridica.com\/buscador_20179478954\/corteconstitucionalcronologico202454587\/t-322-00\/\" class=\"_self pt-cv-href-thumbnail pt-cv-thumb-default\" target=\"_self\" ><\/a>\n<div class=\"pt-cv-taxoterm above_title\"><a href='https:\/\/www.dmsjuridica.com\/buscador_20179478954\/corteconstitucionalcronologico202454587\/category\/buscar-en-toda-la-corte\/2000\/tutelas-2000\/' title='Tutelas 2000' class='pt-cv-tax-tutelas-2000'>Tutelas 2000<\/a><\/div>\n<h4 class=\"pt-cv-title\"><a href=\"https:\/\/www.dmsjuridica.com\/buscador_20179478954\/corteconstitucionalcronologico202454587\/t-322-00\/\" class=\"_self\" target=\"_self\" >T-322-00<\/a><\/h4>\n<div class=\"pt-cv-content\">\u00a0 \u00a0 Sentencia T-322\/00 \u00a0 ACCION DE TUTELA-Carencia actual de objeto \u00a0 DEBIDO PROCESO DE TUTELA-Notificaci\u00f3n iniciaci\u00f3n de la acci\u00f3n al demandado y tercero interesado \u00a0 EMPLEADOR-Asunci\u00f3n servicio de salud por mora en aportes\/MUJER TRABAJADORA EMBARAZADA-Protecci\u00f3n especial \u00a0 ESTABLECIMIENTO DE SALUD-Asunci\u00f3n por empleador servicio de salud por mora en aportes \u00a0 SEGURO SOCIAL-Atenci\u00f3n en caso de urgencia o gravedad a pesar del no pago oportuno de aportes \u00a0 MUJER TRABAJADORA EMBARAZADA Y MATERNIDAD-Protecci\u00f3n especial por el Estado \u00a0 MUJER TRABAJADORA EMBARAZADA-Prestaci\u00f3n servicio de salud \u00a0 PREVALENCIA DE DERECHOS DEL NI\u00d1O-Atenci\u00f3n en salud \u00a0 Referencia: expediente T-263858 \u00a0 Acci\u00f3n de tutela ...<br \/><div class=\"pt-cv-rmwrap\"><a href=\"https:\/\/www.dmsjuridica.com\/buscador_20179478954\/corteconstitucionalcronologico202454587\/t-322-00\/\" class=\"_self pt-cv-readmore btn btn-success\" target=\"_self\">Ver Sentencia Completa...<\/a><\/div><\/div><\/div><\/div>\n<div class=\"col-md-12 col-sm-12 col-xs-12 pt-cv-content-item pt-cv-1-col\" ><div class='pt-cv-ifield'><a href=\"https:\/\/www.dmsjuridica.com\/buscador_20179478954\/corteconstitucionalcronologico202454587\/t-321-00\/\" class=\"_self pt-cv-href-thumbnail pt-cv-thumb-default\" target=\"_self\" ><\/a>\n<div class=\"pt-cv-taxoterm above_title\"><a href='https:\/\/www.dmsjuridica.com\/buscador_20179478954\/corteconstitucionalcronologico202454587\/category\/buscar-en-toda-la-corte\/2000\/tutelas-2000\/' title='Tutelas 2000' class='pt-cv-tax-tutelas-2000'>Tutelas 2000<\/a><\/div>\n<h4 class=\"pt-cv-title\"><a href=\"https:\/\/www.dmsjuridica.com\/buscador_20179478954\/corteconstitucionalcronologico202454587\/t-321-00\/\" class=\"_self\" target=\"_self\" >T-321-00<\/a><\/h4>\n<div class=\"pt-cv-content\">\u00a0 \u00a0 Sentencia T-321\/00 \u00a0 ACCION DE TUTELA-Subsidiariedad \u00a0 MEDIO DE DEFENSA JUDICIAL-Negativa de reconocimiento de pensi\u00f3n \u00a0 HABEAS DATA EN PENSIONES LEGALES DEL SEGURO SOCIAL-Actualizaci\u00f3n y rectificaci\u00f3n en resoluci\u00f3n de reconocimiento \u00a0 Referencia: expediente T-263726 \u00a0 Acci\u00f3n de tutela incoada por Juan Bautista Aldana Devia contra el Seguro Social. \u00a0 Magistrado Ponente: \u00a0 Dr. JOS\u00c9 GREGORIO HERN\u00c1NDEZ GALINDO\u00a0 \u00a0 Santa Fe de Bogot\u00e1, D.C., veintiuno (21) de marzo de dos mil (2000). \u00a0 La Sala Quinta de Revisi\u00f3n de la Corte Constitucional, en ejercicio de sus competencias constitucionales y legales, espec\u00edficamente las previstas en los art\u00edculos 86 y \u00a0241, ...<br \/><div class=\"pt-cv-rmwrap\"><a href=\"https:\/\/www.dmsjuridica.com\/buscador_20179478954\/corteconstitucionalcronologico202454587\/t-321-00\/\" class=\"_self pt-cv-readmore btn btn-success\" target=\"_self\">Ver Sentencia Completa...<\/a><\/div><\/div><\/div><\/div>\n<div class=\"col-md-12 col-sm-12 col-xs-12 pt-cv-content-item pt-cv-1-col\" ><div class='pt-cv-ifield'><a href=\"https:\/\/www.dmsjuridica.com\/buscador_20179478954\/corteconstitucionalcronologico202454587\/t-320-00\/\" class=\"_self pt-cv-href-thumbnail pt-cv-thumb-default\" target=\"_self\" ><\/a>\n<div class=\"pt-cv-taxoterm above_title\"><a href='https:\/\/www.dmsjuridica.com\/buscador_20179478954\/corteconstitucionalcronologico202454587\/category\/buscar-en-toda-la-corte\/2000\/tutelas-2000\/' title='Tutelas 2000' class='pt-cv-tax-tutelas-2000'>Tutelas 2000<\/a><\/div>\n<h4 class=\"pt-cv-title\"><a href=\"https:\/\/www.dmsjuridica.com\/buscador_20179478954\/corteconstitucionalcronologico202454587\/t-320-00\/\" class=\"_self\" target=\"_self\" >T-320-00<\/a><\/h4>\n<div class=\"pt-cv-content\">\u00a0 \u00a0 Sentencia T-320\/00 \u00a0 ACCION DE TUTELA-Procedencia excepcional pago de acreencias laborales \u00a0 DERECHO AL MINIMO VITAL DEL PENSIONADO-Pago oportuno de mesadas \u00a0 DERECHO AL TRABAJO-Pago oportuno de salarios y con mayor raz\u00f3n de mesadas pensionales \u00a0 Referencia: expediente T-263708 \u00a0 Acci\u00f3n de tutela instaurada por Fernando Giraldo Echeverry contra Acer\u00edas Paz del R\u00edo S.A. \u00a0 Magistrado Ponente: \u00a0 Dr. JOS\u00c9 GREGORIO HERN\u00c1NDEZ GALINDO \u00a0 Santa Fe de Bogot\u00e1, D.C., veintiuno (21) de marzo de dos mil (2000). \u00a0 La Sala Quinta de Revisi\u00f3n de la Corte Constitucional, en ejercicio de sus competencias constitucionales y legales, espec\u00edficamente las previstas ...<br \/><div class=\"pt-cv-rmwrap\"><a href=\"https:\/\/www.dmsjuridica.com\/buscador_20179478954\/corteconstitucionalcronologico202454587\/t-320-00\/\" class=\"_self pt-cv-readmore btn btn-success\" target=\"_self\">Ver Sentencia Completa...<\/a><\/div><\/div><\/div><\/div>\n<div class=\"col-md-12 col-sm-12 col-xs-12 pt-cv-content-item pt-cv-1-col\" ><div class='pt-cv-ifield'><a href=\"https:\/\/www.dmsjuridica.com\/buscador_20179478954\/corteconstitucionalcronologico202454587\/t-319-00\/\" class=\"_self pt-cv-href-thumbnail pt-cv-thumb-default\" target=\"_self\" ><\/a>\n<div class=\"pt-cv-taxoterm above_title\"><a href='https:\/\/www.dmsjuridica.com\/buscador_20179478954\/corteconstitucionalcronologico202454587\/category\/buscar-en-toda-la-corte\/2000\/tutelas-2000\/' title='Tutelas 2000' class='pt-cv-tax-tutelas-2000'>Tutelas 2000<\/a><\/div>\n<h4 class=\"pt-cv-title\"><a href=\"https:\/\/www.dmsjuridica.com\/buscador_20179478954\/corteconstitucionalcronologico202454587\/t-319-00\/\" class=\"_self\" target=\"_self\" >T-319-00<\/a><\/h4>\n<div class=\"pt-cv-content\">\u00a0 \u00a0 Sentencia T-319\/00 \u00a0 ACCION DE TUTELA CONTRA SOCIEDAD DE ECONOMIA MIXTA-Procedencia \u00a0 INDEFENSION-Retenci\u00f3n de aportes de pensionados con destino a Asociaci\u00f3n \u00a0 DERECHO DE ASOCIACION-Traslado de aportes de pensionados \u00a0 Referencia: expediente T-263609 \u00a0 Acci\u00f3n de tutela incoada por la \"Asociaci\u00f3n de Pensionados Ferroviarios de Acer\u00edas Paz del R\u00edo\" contra \"Acer\u00edas Paz del R\u00edo S.A.\". \u00a0 Magistrado Ponente: \u00a0 Dr. JOS GREGORIO HERN\u00c1NDEZ GALINDO\u00a0 \u00a0 Santa Fe de Bogot\u00e1, D.C., veintiuno (21) de marzo de dos mil (2000). \u00a0 La Sala Quinta de Revisi\u00f3n de la Corte Constitucional, en ejercicio de sus competencias constitucionales y legales, espec\u00edficamente las ...<br \/><div class=\"pt-cv-rmwrap\"><a href=\"https:\/\/www.dmsjuridica.com\/buscador_20179478954\/corteconstitucionalcronologico202454587\/t-319-00\/\" class=\"_self pt-cv-readmore btn btn-success\" target=\"_self\">Ver Sentencia Completa...<\/a><\/div><\/div><\/div><\/div>\n<div class=\"col-md-12 col-sm-12 col-xs-12 pt-cv-content-item pt-cv-1-col\" ><div class='pt-cv-ifield'><a href=\"https:\/\/www.dmsjuridica.com\/buscador_20179478954\/corteconstitucionalcronologico202454587\/t-318-00\/\" class=\"_self pt-cv-href-thumbnail pt-cv-thumb-default\" target=\"_self\" ><\/a>\n<div class=\"pt-cv-taxoterm above_title\"><a href='https:\/\/www.dmsjuridica.com\/buscador_20179478954\/corteconstitucionalcronologico202454587\/category\/buscar-en-toda-la-corte\/2000\/tutelas-2000\/' title='Tutelas 2000' class='pt-cv-tax-tutelas-2000'>Tutelas 2000<\/a><\/div>\n<h4 class=\"pt-cv-title\"><a href=\"https:\/\/www.dmsjuridica.com\/buscador_20179478954\/corteconstitucionalcronologico202454587\/t-318-00\/\" class=\"_self\" target=\"_self\" >T-318-00<\/a><\/h4>\n<div class=\"pt-cv-content\">\u00a0 \u00a0 Sentencia T-318\/00 \u00a0 DERECHO AL SUBSIDIO FAMILIAR DEL NI\u00d1O-Procedencia de tutela \u00a0 DERECHO A LA SEGURIDAD SOCIAL DEL NI\u00d1O-Fundamental \u00a0 SUBSIDIO FAMILIAR-Improcedencia de tutela respecto de mayor de edad \u00a0 Referencia: expediente T-263379 \u00a0 Acci\u00f3n de tutela instaurada Esneda Gonz\u00e1lez contra el Hospital \"Federico Lleras Acosta\" \u00a0 Magistrado Ponente: \u00a0 Dr. JOS\u00c9 GREGORIO HERN\u00c1NDEZ GALINDO \u00a0 Santa Fe de Bogot\u00e1 D.C., veintiuno (21) de marzo de dos mil (2000). \u00a0 La Sala Quinta de Revisi\u00f3n de la Corte Constitucional, en ejercicio de sus competencias constitucionales y legales, en especial las previstas en los art\u00edculos 86 y 241-9 de ...<br \/><div class=\"pt-cv-rmwrap\"><a href=\"https:\/\/www.dmsjuridica.com\/buscador_20179478954\/corteconstitucionalcronologico202454587\/t-318-00\/\" class=\"_self pt-cv-readmore btn btn-success\" target=\"_self\">Ver Sentencia Completa...<\/a><\/div><\/div><\/div><\/div>\n<div class=\"col-md-12 col-sm-12 col-xs-12 pt-cv-content-item pt-cv-1-col\" ><div class='pt-cv-ifield'><a href=\"https:\/\/www.dmsjuridica.com\/buscador_20179478954\/corteconstitucionalcronologico202454587\/t-317-00\/\" class=\"_self pt-cv-href-thumbnail pt-cv-thumb-default\" target=\"_self\" ><\/a>\n<div class=\"pt-cv-taxoterm above_title\"><a href='https:\/\/www.dmsjuridica.com\/buscador_20179478954\/corteconstitucionalcronologico202454587\/category\/buscar-en-toda-la-corte\/2000\/tutelas-2000\/' title='Tutelas 2000' class='pt-cv-tax-tutelas-2000'>Tutelas 2000<\/a><\/div>\n<h4 class=\"pt-cv-title\"><a href=\"https:\/\/www.dmsjuridica.com\/buscador_20179478954\/corteconstitucionalcronologico202454587\/t-317-00\/\" class=\"_self\" target=\"_self\" >T-317-00<\/a><\/h4>\n<div class=\"pt-cv-content\">\u00a0 \u00a0 Sentencia T-317\/00 \u00a0 CONCORDATO PREVENTIVO OBLIGATORIO-Pago preferente de salarios y aportes a seguridad social en salud \u00a0 DERECHO A LA VIDA DIGNA DEL TRABAJADOR-Pago oportuno de salarios \u00a0 Referencia: expediente T-263310 \u00a0 Acci\u00f3n de tutela instaurada por Adacelly Marulanda G\u00f3mez contra el Hospital \"San Juan de Dios\" de Cali. \u00a0 Magistrado Ponente: \u00a0 Dr. JOS\u00c9 GREGORIO HERN\u00c1NDEZ GALINDO \u00a0 Santa Fe de Bogot\u00e1 D.C., veintiuno (21) de marzo de dos mil (2000). \u00a0 La Sala Quinta de Revisi\u00f3n de la Corte Constitucional, en ejercicio de sus competencias constitucionales y legales, espec\u00edficamente las previstas en los art\u00edculos 86 y ...<br \/><div class=\"pt-cv-rmwrap\"><a href=\"https:\/\/www.dmsjuridica.com\/buscador_20179478954\/corteconstitucionalcronologico202454587\/t-317-00\/\" class=\"_self pt-cv-readmore btn btn-success\" target=\"_self\">Ver Sentencia Completa...<\/a><\/div><\/div><\/div><\/div>\n<div class=\"col-md-12 col-sm-12 col-xs-12 pt-cv-content-item pt-cv-1-col\" ><div class='pt-cv-ifield'><a href=\"https:\/\/www.dmsjuridica.com\/buscador_20179478954\/corteconstitucionalcronologico202454587\/t-316-00\/\" class=\"_self pt-cv-href-thumbnail pt-cv-thumb-default\" target=\"_self\" ><\/a>\n<div class=\"pt-cv-taxoterm above_title\"><a href='https:\/\/www.dmsjuridica.com\/buscador_20179478954\/corteconstitucionalcronologico202454587\/category\/buscar-en-toda-la-corte\/2000\/tutelas-2000\/' title='Tutelas 2000' class='pt-cv-tax-tutelas-2000'>Tutelas 2000<\/a><\/div>\n<h4 class=\"pt-cv-title\"><a href=\"https:\/\/www.dmsjuridica.com\/buscador_20179478954\/corteconstitucionalcronologico202454587\/t-316-00\/\" class=\"_self\" target=\"_self\" >T-316-00<\/a><\/h4>\n<div class=\"pt-cv-content\">\u00a0 \u00a0 Sentencia T-316\/00 \u00a0 DERECHO A LA VIDA DIGNA-Alcance\/DERECHO A LA VIDA DIGNA-Dolor \u00a0 La vida no significa la simple opci\u00f3n de existir sin tener en cuenta las condiciones de posibilidad que \u00a0permitan un desarrollo digno, y que generen en el individuo la plenitud de sus facultades corporales y espirituales. De esta manera cualquier circunstancia que impida el desarrollo normal de la persona, siendo evitable de alguna manera, compromete el derecho consagrado en el art\u00edculo 11 de la Constituci\u00f3n Pol\u00edtica. As\u00ed, no solamente aquellas actuaciones u omisiones que conducen a la extinci\u00f3n de la persona como tal, o que ...<br \/><div class=\"pt-cv-rmwrap\"><a href=\"https:\/\/www.dmsjuridica.com\/buscador_20179478954\/corteconstitucionalcronologico202454587\/t-316-00\/\" class=\"_self pt-cv-readmore btn btn-success\" target=\"_self\">Ver Sentencia Completa...<\/a><\/div><\/div><\/div><\/div>\n<div class=\"col-md-12 col-sm-12 col-xs-12 pt-cv-content-item pt-cv-1-col\" ><div class='pt-cv-ifield'><a href=\"https:\/\/www.dmsjuridica.com\/buscador_20179478954\/corteconstitucionalcronologico202454587\/t-315-00\/\" class=\"_self pt-cv-href-thumbnail pt-cv-thumb-default\" target=\"_self\" ><\/a>\n<div class=\"pt-cv-taxoterm above_title\"><a href='https:\/\/www.dmsjuridica.com\/buscador_20179478954\/corteconstitucionalcronologico202454587\/category\/buscar-en-toda-la-corte\/2000\/tutelas-2000\/' title='Tutelas 2000' class='pt-cv-tax-tutelas-2000'>Tutelas 2000<\/a><\/div>\n<h4 class=\"pt-cv-title\"><a href=\"https:\/\/www.dmsjuridica.com\/buscador_20179478954\/corteconstitucionalcronologico202454587\/t-315-00\/\" class=\"_self\" target=\"_self\" >T-315-00<\/a><\/h4>\n<div class=\"pt-cv-content\">\u00a0 \u00a0 Sentencia T-315\/00 \u00a0 AGENCIA OFICIOSA EN TUTELA-Legitimidad del accionante \u00a0 Corresponde al juez de tutela, ponderando las circunstancias del caso, definir si, en efecto, la persona de cuyos derechos fundamentales se trata podr\u00eda haber presentado por s\u00ed misma la demanda, evento en el cual carecer\u00eda de sustento jur\u00eddico la agencia oficiosa y se configurar\u00eda la ilegitimidad en la causa por el aspecto activo. La norma legal es suficientemente comprehensiva y guarda relaci\u00f3n con hechos de cualquier naturaleza o con situaciones que imposibilitan la comparecencia directa del interesado. No puede elaborarse de antemano una lista de circunstancias justificantes de ...<br \/><div class=\"pt-cv-rmwrap\"><a href=\"https:\/\/www.dmsjuridica.com\/buscador_20179478954\/corteconstitucionalcronologico202454587\/t-315-00\/\" class=\"_self pt-cv-readmore btn btn-success\" target=\"_self\">Ver Sentencia Completa...<\/a><\/div><\/div><\/div><\/div>\n<div class=\"col-md-12 col-sm-12 col-xs-12 pt-cv-content-item pt-cv-1-col\" ><div class='pt-cv-ifield'><a href=\"https:\/\/www.dmsjuridica.com\/buscador_20179478954\/corteconstitucionalcronologico202454587\/t-314-00\/\" class=\"_self pt-cv-href-thumbnail pt-cv-thumb-default\" target=\"_self\" ><\/a>\n<div class=\"pt-cv-taxoterm above_title\"><a href='https:\/\/www.dmsjuridica.com\/buscador_20179478954\/corteconstitucionalcronologico202454587\/category\/buscar-en-toda-la-corte\/2000\/tutelas-2000\/' title='Tutelas 2000' class='pt-cv-tax-tutelas-2000'>Tutelas 2000<\/a><\/div>\n<h4 class=\"pt-cv-title\"><a href=\"https:\/\/www.dmsjuridica.com\/buscador_20179478954\/corteconstitucionalcronologico202454587\/t-314-00\/\" class=\"_self\" target=\"_self\" >T-314-00<\/a><\/h4>\n<div class=\"pt-cv-content\">\u00a0 \u00a0 Sentencia T-314\/00 \u00a0 DERECHO A LA VIDA DIGNA DE PERSONA DE LA TERCERA EDAD-Pago oportuno de mesadas pensionales \u00a0 DERECHO AL MINIMO VITAL DEL PENSIONADO-Pago oportuno de mesadas \u00a0 Referencia: expediente T-262691 \u00a0 Acci\u00f3n de tutela instaurada por Marco Tulio Viveros contra las Empresas P\u00fablicas Municipales de Buenaventura.\u00a0 \u00a0 Magistrado Ponente: \u00a0 Dr. JOS\u00c9 GREGORIO HERN\u00c1NDEZ GALINDO \u00a0 Santa Fe de Bogot\u00e1, D.C., veintiuno (21) de marzo de dos mil (2000). \u00a0 La Sala Quinta de Revisi\u00f3n de la Corte Constitucional, en ejercicio de sus competencias constitucionales y legales, espec\u00edficamente las previstas en los art\u00edculos 86 y 241, ...<br \/><div class=\"pt-cv-rmwrap\"><a href=\"https:\/\/www.dmsjuridica.com\/buscador_20179478954\/corteconstitucionalcronologico202454587\/t-314-00\/\" class=\"_self pt-cv-readmore btn btn-success\" target=\"_self\">Ver Sentencia Completa...<\/a><\/div><\/div><\/div><\/div>\n<div class=\"col-md-12 col-sm-12 col-xs-12 pt-cv-content-item pt-cv-1-col\" ><div class='pt-cv-ifield'><a href=\"https:\/\/www.dmsjuridica.com\/buscador_20179478954\/corteconstitucionalcronologico202454587\/t-313-00\/\" class=\"_self pt-cv-href-thumbnail pt-cv-thumb-default\" target=\"_self\" ><\/a>\n<div class=\"pt-cv-taxoterm above_title\"><a href='https:\/\/www.dmsjuridica.com\/buscador_20179478954\/corteconstitucionalcronologico202454587\/category\/buscar-en-toda-la-corte\/2000\/tutelas-2000\/' title='Tutelas 2000' class='pt-cv-tax-tutelas-2000'>Tutelas 2000<\/a><\/div>\n<h4 class=\"pt-cv-title\"><a href=\"https:\/\/www.dmsjuridica.com\/buscador_20179478954\/corteconstitucionalcronologico202454587\/t-313-00\/\" class=\"_self\" target=\"_self\" >T-313-00<\/a><\/h4>\n<div class=\"pt-cv-content\">\u00a0 \u00a0 Sentencia T-313\/00 \u00a0 DERECHO AL PAGO OPORTUNO DEL SALARIO-Fundamental \u00a0 ESTABLECIMIENTO HOSPITALARIO-Situaci\u00f3n econ\u00f3mica o presupuestal no es \u00f3bice para desconocer obligaciones laborales \u00a0 DERECHO A LA SEGURIDAD SOCIAL EN SALUD-Cruce de cuentas \u00a0 FISCALIA GENERAL DE LA NACION-No traslado de aportes para seguridad social por empleador \u00a0 ESTABLECIMIENTO HOSPITALARIO-No pago de aportes en seguridad social \u00a0 DERECHO AL MINIMO VITAL DEL TRABAJADOR-Pago oportuno de salarios \u00a0 MEDIO DE DEFENSA JUDICIAL-Cancelaci\u00f3n de prima t\u00e9cnica \u00a0 Referencia: expediente T-262482 \u00a0 Acci\u00f3n de tutela instaurada por Mar\u00eda Patricia Guti\u00e9rrez Noguera contra el Hospital \"Julio M\u00e9ndez Barreneche\". \u00a0 Magistrado Ponente: \u00a0 Santa ...<br \/><div class=\"pt-cv-rmwrap\"><a href=\"https:\/\/www.dmsjuridica.com\/buscador_20179478954\/corteconstitucionalcronologico202454587\/t-313-00\/\" class=\"_self pt-cv-readmore btn btn-success\" target=\"_self\">Ver Sentencia Completa...<\/a><\/div><\/div><\/div><\/div>\n<div class=\"col-md-12 col-sm-12 col-xs-12 pt-cv-content-item pt-cv-1-col\" ><div class='pt-cv-ifield'><a href=\"https:\/\/www.dmsjuridica.com\/buscador_20179478954\/corteconstitucionalcronologico202454587\/t-312-00\/\" class=\"_self pt-cv-href-thumbnail pt-cv-thumb-default\" target=\"_self\" ><\/a>\n<div class=\"pt-cv-taxoterm above_title\"><a href='https:\/\/www.dmsjuridica.com\/buscador_20179478954\/corteconstitucionalcronologico202454587\/category\/buscar-en-toda-la-corte\/2000\/tutelas-2000\/' title='Tutelas 2000' class='pt-cv-tax-tutelas-2000'>Tutelas 2000<\/a><\/div>\n<h4 class=\"pt-cv-title\"><a href=\"https:\/\/www.dmsjuridica.com\/buscador_20179478954\/corteconstitucionalcronologico202454587\/t-312-00\/\" class=\"_self\" target=\"_self\" >T-312-00<\/a><\/h4>\n<div class=\"pt-cv-content\">\u00a0 \u00a0 Sentencia T-312\/00 \u00a0 DEBIDO PROCESO ADMINISTRATIVO-Dilaci\u00f3n en expedici\u00f3n de bono pensional \u00a0 MEDIO DE DEFENSA JUDICIAL INEFICAZ-Demora en definici\u00f3n de asunto y escasez de recursos para pagar servicios de abogado \u00a0 Referencia: expediente T-262300 \u00a0 Acci\u00f3n de tutela incoada por Mar\u00eda Guiomar S\u00e1nchez Segura contra la Superintendencia de Notariado y Registro. \u00a0 Magistrado Ponente: \u00a0 Dr. JOS\u00c9 GREGORIO HERN\u00c1NDEZ GALINDO\u00a0 \u00a0 Santa Fe de Bogot\u00e1, D.C., veintiuno (21) de marzo de dos mil (2000). \u00a0 La Sala Quinta de Revisi\u00f3n de la Corte Constitucional, en ejercicio de sus competencias constitucionales y legales, espec\u00edficamente las previstas en los art\u00edculos ...<br \/><div class=\"pt-cv-rmwrap\"><a href=\"https:\/\/www.dmsjuridica.com\/buscador_20179478954\/corteconstitucionalcronologico202454587\/t-312-00\/\" class=\"_self pt-cv-readmore btn btn-success\" target=\"_self\">Ver Sentencia Completa...<\/a><\/div><\/div><\/div><\/div>\n<div class=\"col-md-12 col-sm-12 col-xs-12 pt-cv-content-item pt-cv-1-col\" ><div class='pt-cv-ifield'><a href=\"https:\/\/www.dmsjuridica.com\/buscador_20179478954\/corteconstitucionalcronologico202454587\/t-311-00\/\" class=\"_self pt-cv-href-thumbnail pt-cv-thumb-default\" target=\"_self\" ><\/a>\n<div class=\"pt-cv-taxoterm above_title\"><a href='https:\/\/www.dmsjuridica.com\/buscador_20179478954\/corteconstitucionalcronologico202454587\/category\/buscar-en-toda-la-corte\/2000\/tutelas-2000\/' title='Tutelas 2000' class='pt-cv-tax-tutelas-2000'>Tutelas 2000<\/a><\/div>\n<h4 class=\"pt-cv-title\"><a href=\"https:\/\/www.dmsjuridica.com\/buscador_20179478954\/corteconstitucionalcronologico202454587\/t-311-00\/\" class=\"_self\" target=\"_self\" >T-311-00<\/a><\/h4>\n<div class=\"pt-cv-content\">\u00a0 \u00a0 Sentencia T-311\/00 \u00a0 ACCION DE TUTELA-Subsidiariedad \u00a0 ACCION DE TUTELA-Procedencia excepcional pago de acreencias laborales \u00a0 DERECHO AL MINIMO VITAL DEL PENSIONADO-Pago oportuno de mesadas \u00a0 DERECHO AL MINIMO VITAL DEL PENSIONADO-Presunci\u00f3n de afectaci\u00f3n por ausencia prolongada en pago de mesadas \u00a0 Referencia: expediente T-262291 \u00a0 Acci\u00f3n de tutela instaurada por Jorge Isaac Cu\u00e9llar Cubillos contra el Alcalde del Municipio de Bel\u00e9n de los Andaqu\u00edes (Caquet\u00e1)\u00a0 \u00a0 Magistrado Ponente: \u00a0 Dr. JOS\u00c9 GREGORIO HERN\u00c1NDEZ GALINDO \u00a0 Santa Fe de Bogot\u00e1, D.C., veintiuno (21) de marzo de dos mil (2000). \u00a0 La Sala Quinta de Revisi\u00f3n de la Corte ...<br \/><div class=\"pt-cv-rmwrap\"><a href=\"https:\/\/www.dmsjuridica.com\/buscador_20179478954\/corteconstitucionalcronologico202454587\/t-311-00\/\" class=\"_self pt-cv-readmore btn btn-success\" target=\"_self\">Ver Sentencia Completa...<\/a><\/div><\/div><\/div><\/div>\n<div class=\"col-md-12 col-sm-12 col-xs-12 pt-cv-content-item pt-cv-1-col\" ><div class='pt-cv-ifield'><a href=\"https:\/\/www.dmsjuridica.com\/buscador_20179478954\/corteconstitucionalcronologico202454587\/t-310-00\/\" class=\"_self pt-cv-href-thumbnail pt-cv-thumb-default\" target=\"_self\" ><\/a>\n<div class=\"pt-cv-taxoterm above_title\"><a href='https:\/\/www.dmsjuridica.com\/buscador_20179478954\/corteconstitucionalcronologico202454587\/category\/buscar-en-toda-la-corte\/2000\/tutelas-2000\/' title='Tutelas 2000' class='pt-cv-tax-tutelas-2000'>Tutelas 2000<\/a><\/div>\n<h4 class=\"pt-cv-title\"><a href=\"https:\/\/www.dmsjuridica.com\/buscador_20179478954\/corteconstitucionalcronologico202454587\/t-310-00\/\" class=\"_self\" target=\"_self\" >T-310-00<\/a><\/h4>\n<div class=\"pt-cv-content\">\u00a0 \u00a0 Sentencia T-310\/00 \u00a0 ACCION DE TUTELA-Procedencia excepcional pago de acreencias laborales \u00a0 ESTABLECIMIENTO HOSPITALARIO-Situaci\u00f3n econ\u00f3mica o presupuestal no es \u00f3bice para desconocer obligaciones laborales \u00a0 Referencia: expediente T-262209 \u00a0 Acci\u00f3n de tutela instaurada por Mar\u00eda Mara Agredo contra el Hospital Universitario San Jos\u00e9 de Popay\u00e1n. \u00a0 Magistrado Ponente: \u00a0 Dr. JOS\u00c9 GREGORIO HERN\u00c1NDEZ GALINDO \u00a0 Santa Fe de Bogot\u00e1 D.C., veintiuno (21) de marzo de dos mil (2000). \u00a0 La Sala Quinta de Revisi\u00f3n de la Corte Constitucional, en ejercicio de sus competencias constitucionales y legales, espec\u00edficamente las previstas en los art\u00edculos 86 y 241, numeral 9, de ...<br \/><div class=\"pt-cv-rmwrap\"><a href=\"https:\/\/www.dmsjuridica.com\/buscador_20179478954\/corteconstitucionalcronologico202454587\/t-310-00\/\" class=\"_self pt-cv-readmore btn btn-success\" target=\"_self\">Ver Sentencia Completa...<\/a><\/div><\/div><\/div><\/div>\n<div class=\"col-md-12 col-sm-12 col-xs-12 pt-cv-content-item pt-cv-1-col\" ><div class='pt-cv-ifield'><a href=\"https:\/\/www.dmsjuridica.com\/buscador_20179478954\/corteconstitucionalcronologico202454587\/t-309-00\/\" class=\"_self pt-cv-href-thumbnail pt-cv-thumb-default\" target=\"_self\" ><\/a>\n<div class=\"pt-cv-taxoterm above_title\"><a href='https:\/\/www.dmsjuridica.com\/buscador_20179478954\/corteconstitucionalcronologico202454587\/category\/buscar-en-toda-la-corte\/2000\/tutelas-2000\/' title='Tutelas 2000' class='pt-cv-tax-tutelas-2000'>Tutelas 2000<\/a><\/div>\n<h4 class=\"pt-cv-title\"><a href=\"https:\/\/www.dmsjuridica.com\/buscador_20179478954\/corteconstitucionalcronologico202454587\/t-309-00\/\" class=\"_self\" target=\"_self\" >T-309-00<\/a><\/h4>\n<div class=\"pt-cv-content\">\u00a0 \u00a0 Sentencia T-309\/00 \u00a0 ACCION DE TUTELA-Procedencia excepcional pago de acreencias laborales \u00a0 MEDIO DE DEFENSA JUDICIAL-Pago de compensatorios o tiempo suplementario con determinado salario, indexaci\u00f3n e intereses moratorios \u00a0 ACCION DE TUTELA-Procedencia pago de indemnizaciones unida a petici\u00f3n laboral \u00a0 DERECHO DE PETICION-Contenido \u00a0 DEBIDO PROCESO-Notificaci\u00f3n personal de decisi\u00f3n que pone fin a actuaci\u00f3n administrativa indicando recursos procedentes \u00a0 Referencia: expediente T-261565 \u00a0 Acci\u00f3n de tutela instaurada por Carlos Eduardo Navarrete Franco contra la Alcald\u00eda Municipal de Zipaquir\u00e1 \u00a0 Magistrado Ponente: \u00a0 Dr. JOS\u00c9 GREGORIO HERN\u00c1NDEZ GALINDO \u00a0 Santa Fe de Bogot\u00e1, D.C., veintiuno (21) de marzo de ...<br \/><div class=\"pt-cv-rmwrap\"><a href=\"https:\/\/www.dmsjuridica.com\/buscador_20179478954\/corteconstitucionalcronologico202454587\/t-309-00\/\" class=\"_self pt-cv-readmore btn btn-success\" target=\"_self\">Ver Sentencia Completa...<\/a><\/div><\/div><\/div><\/div>\n<div class=\"col-md-12 col-sm-12 col-xs-12 pt-cv-content-item pt-cv-1-col\" ><div class='pt-cv-ifield'><a href=\"https:\/\/www.dmsjuridica.com\/buscador_20179478954\/corteconstitucionalcronologico202454587\/t-308-00\/\" class=\"_self pt-cv-href-thumbnail pt-cv-thumb-default\" target=\"_self\" ><\/a>\n<div class=\"pt-cv-taxoterm above_title\"><a href='https:\/\/www.dmsjuridica.com\/buscador_20179478954\/corteconstitucionalcronologico202454587\/category\/buscar-en-toda-la-corte\/2000\/tutelas-2000\/' title='Tutelas 2000' class='pt-cv-tax-tutelas-2000'>Tutelas 2000<\/a><\/div>\n<h4 class=\"pt-cv-title\"><a href=\"https:\/\/www.dmsjuridica.com\/buscador_20179478954\/corteconstitucionalcronologico202454587\/t-308-00\/\" class=\"_self\" target=\"_self\" >T-308-00<\/a><\/h4>\n<div class=\"pt-cv-content\">\u00a0 \u00a0 Sentencia T-308\/00 \u00a0 JUEZ DE TUTELA-Decreto y pr\u00e1ctica de pruebas \u00a0 Es verdad, como lo ha sostenido esta Corporaci\u00f3n, en materia de tutela no basta afirmar que se configuran unos hechos respecto de los cuales se demanda protecci\u00f3n, sino que es necesario probar su existencia dentro del tr\u00e1mite sumario previsto en el art\u00edculo 86 de la Constituci\u00f3n. Pero es evidente, en primer lugar, que el rigor probatorio sobre tales hechos no puede ser el mismo que se aplica en los procesos ordinarios, pues el car\u00e1cter informal de la tutela impide que se exija al accionante un conjunto m\u00ednimo, ...<br \/><div class=\"pt-cv-rmwrap\"><a href=\"https:\/\/www.dmsjuridica.com\/buscador_20179478954\/corteconstitucionalcronologico202454587\/t-308-00\/\" class=\"_self pt-cv-readmore btn btn-success\" target=\"_self\">Ver Sentencia Completa...<\/a><\/div><\/div><\/div><\/div>\n<div class=\"col-md-12 col-sm-12 col-xs-12 pt-cv-content-item pt-cv-1-col\" ><div class='pt-cv-ifield'><a href=\"https:\/\/www.dmsjuridica.com\/buscador_20179478954\/corteconstitucionalcronologico202454587\/t-307-00\/\" class=\"_self pt-cv-href-thumbnail pt-cv-thumb-default\" target=\"_self\" ><\/a>\n<div class=\"pt-cv-taxoterm above_title\"><a href='https:\/\/www.dmsjuridica.com\/buscador_20179478954\/corteconstitucionalcronologico202454587\/category\/buscar-en-toda-la-corte\/2000\/tutelas-2000\/' title='Tutelas 2000' class='pt-cv-tax-tutelas-2000'>Tutelas 2000<\/a><\/div>\n<h4 class=\"pt-cv-title\"><a href=\"https:\/\/www.dmsjuridica.com\/buscador_20179478954\/corteconstitucionalcronologico202454587\/t-307-00\/\" class=\"_self\" target=\"_self\" >T-307-00<\/a><\/h4>\n<div class=\"pt-cv-content\">\u00a0 \u00a0 Sentencia T-307\/00 \u00a0 EDUCACION-Derecho deber \u00a0 REGLAMENTO EDUCATIVO-Cumplimiento de procedimientos establecidos para imposici\u00f3n de sanci\u00f3n \u00a0 DERECHO A LA EDUCACION-Cancelaci\u00f3n de matr\u00edcula con vulneraci\u00f3n del debido proceso \u00a0 Referencia: expediente T-260445 \u00a0 Acci\u00f3n de tutela incoada por Nayd\u00fa Restrepo de C\u00e1rdenas contra el Rector del \"Colegio Calasanz\" de Pereira. \u00a0 Magistrado Ponente: \u00a0 Dr. JOS\u00c9 GREGORIO HERN\u00c1NDEZ GALINDO\u00a0 \u00a0 Santa Fe de Bogot\u00e1, D.C., veintiuno (21) de marzo de dos mil (2000). \u00a0 La Sala Quinta de Revisi\u00f3n de la Corte Constitucional, en ejercicio de sus competencias constitucionales y legales, espec\u00edficamente las previstas en los art\u00edculos 86 y ...<br \/><div class=\"pt-cv-rmwrap\"><a href=\"https:\/\/www.dmsjuridica.com\/buscador_20179478954\/corteconstitucionalcronologico202454587\/t-307-00\/\" class=\"_self pt-cv-readmore btn btn-success\" target=\"_self\">Ver Sentencia Completa...<\/a><\/div><\/div><\/div><\/div>\n<div class=\"col-md-12 col-sm-12 col-xs-12 pt-cv-content-item pt-cv-1-col\" ><div class='pt-cv-ifield'><a href=\"https:\/\/www.dmsjuridica.com\/buscador_20179478954\/corteconstitucionalcronologico202454587\/t-306-00\/\" class=\"_self pt-cv-href-thumbnail pt-cv-thumb-default\" target=\"_self\" ><\/a>\n<div class=\"pt-cv-taxoterm above_title\"><a href='https:\/\/www.dmsjuridica.com\/buscador_20179478954\/corteconstitucionalcronologico202454587\/category\/buscar-en-toda-la-corte\/2000\/tutelas-2000\/' title='Tutelas 2000' class='pt-cv-tax-tutelas-2000'>Tutelas 2000<\/a><\/div>\n<h4 class=\"pt-cv-title\"><a href=\"https:\/\/www.dmsjuridica.com\/buscador_20179478954\/corteconstitucionalcronologico202454587\/t-306-00\/\" class=\"_self\" target=\"_self\" >T-306-00<\/a><\/h4>\n<div class=\"pt-cv-content\">\u00a0 \u00a0 Sentencia T-306\/00 \u00a0 Esta Corporaci\u00f3n ha reiterado que la acci\u00f3n de tutela no procede, en principio, para el reconocimiento y pago de acreencias laborales pues es claro que para ello existen otros medios de defensa judicial, a los cuales ese mecanismo consagrado en el art\u00edculo 86 C.P. no puede sustituir ni reemplazar. Se ha concedido la protecci\u00f3n constitucional en casos en que est\u00e1 claramente amenazado el m\u00ednimo vital, el cual se ha definido como aquella suma absolutamente indispensable para cubrir las necesidades b\u00e1sicas de educaci\u00f3n, alimentaci\u00f3n, vestuario y seguridad social y, sin la cual, la dignidad humana se ...<br \/><div class=\"pt-cv-rmwrap\"><a href=\"https:\/\/www.dmsjuridica.com\/buscador_20179478954\/corteconstitucionalcronologico202454587\/t-306-00\/\" class=\"_self pt-cv-readmore btn btn-success\" target=\"_self\">Ver Sentencia Completa...<\/a><\/div><\/div><\/div><\/div>\n<div class=\"col-md-12 col-sm-12 col-xs-12 pt-cv-content-item pt-cv-1-col\" ><div class='pt-cv-ifield'><a href=\"https:\/\/www.dmsjuridica.com\/buscador_20179478954\/corteconstitucionalcronologico202454587\/t-305-00\/\" class=\"_self pt-cv-href-thumbnail pt-cv-thumb-default\" target=\"_self\" ><\/a>\n<div class=\"pt-cv-taxoterm above_title\"><a href='https:\/\/www.dmsjuridica.com\/buscador_20179478954\/corteconstitucionalcronologico202454587\/category\/buscar-en-toda-la-corte\/2000\/tutelas-2000\/' title='Tutelas 2000' class='pt-cv-tax-tutelas-2000'>Tutelas 2000<\/a><\/div>\n<h4 class=\"pt-cv-title\"><a href=\"https:\/\/www.dmsjuridica.com\/buscador_20179478954\/corteconstitucionalcronologico202454587\/t-305-00\/\" class=\"_self\" target=\"_self\" >T-305-00<\/a><\/h4>\n<div class=\"pt-cv-content\">\u00a0 \u00a0 Sentencia T-305\/00 \u00a0 ACCION DE TUTELA-Hecho superado \u00a0 Referencia: expediente T-258740 \u00a0 Acci\u00f3n de tutela instaurada por Conrado de Jes\u00fas Arias Aguirre contra la Gobernaci\u00f3n del Tolima y Secretar\u00eda de Hacienda y Cr\u00e9dito P\u00fablico. \u00a0 Magistrado Ponente: \u00a0 Dr. JOS\u00c9 GREGORIO HERN\u00c1NDEZ GALINDO \u00a0 Santa Fe de Bogot\u00e1 D.C., veintiuno (21) de marzo de dos mil (2000). \u00a0 La Sala Quinta de Revisi\u00f3n de la Corte Constitucional, en ejercicio de sus competencias constitucionales y legales, espec\u00edficamente las previstas en los art\u00edculos 86 y 241, numeral 9, de la Constituci\u00f3n Pol\u00edtica y en el Decreto 2591 de 1.991, ha ...<br \/><div class=\"pt-cv-rmwrap\"><a href=\"https:\/\/www.dmsjuridica.com\/buscador_20179478954\/corteconstitucionalcronologico202454587\/t-305-00\/\" class=\"_self pt-cv-readmore btn btn-success\" target=\"_self\">Ver Sentencia Completa...<\/a><\/div><\/div><\/div><\/div>\n<div class=\"col-md-12 col-sm-12 col-xs-12 pt-cv-content-item pt-cv-1-col\" ><div class='pt-cv-ifield'><a href=\"https:\/\/www.dmsjuridica.com\/buscador_20179478954\/corteconstitucionalcronologico202454587\/t-304-00\/\" class=\"_self pt-cv-href-thumbnail pt-cv-thumb-default\" target=\"_self\" ><\/a>\n<div class=\"pt-cv-taxoterm above_title\"><a href='https:\/\/www.dmsjuridica.com\/buscador_20179478954\/corteconstitucionalcronologico202454587\/category\/buscar-en-toda-la-corte\/2000\/tutelas-2000\/' title='Tutelas 2000' class='pt-cv-tax-tutelas-2000'>Tutelas 2000<\/a><\/div>\n<h4 class=\"pt-cv-title\"><a href=\"https:\/\/www.dmsjuridica.com\/buscador_20179478954\/corteconstitucionalcronologico202454587\/t-304-00\/\" class=\"_self\" target=\"_self\" >T-304-00<\/a><\/h4>\n<div class=\"pt-cv-content\">\u00a0 \u00a0 Sentencia T-304\/00 \u00a0 DERECHO AL MINIMO VITAL DEL PENSIONADO-Pago oportuno de mesadas es una obligaci\u00f3n aut\u00f3noma que subsiste en presencia de otras pensiones que no alcanzan el m\u00ednimo legal \u00a0 DERECHO AL MINIMO VITAL DEL PENSIONADO-No pago oportuno de mesadas y lo recibido por otro concepto no asegura al menos temporalmente la subsistencia \u00a0 EMPLEADOR-Situaci\u00f3n econ\u00f3mica o presupuestal no es \u00f3bice para desconocer obligaciones laborales \u00a0 Referencia: expedientes T-247238, T-247239, \u00a0 T-247240, T-247241, \u00a0 T-247242, \u00a0T-247243, T-247244, T-247245, T-247246, \u00a0 T-249154, \u00a0T-249159, T-249163, T-249198, T-249202, \u00a0 T-249203, \u00a0T-249204, T-249206, T-249216, T-249217, \u00a0 T-249219, \u00a0T-249221, T-249227, T-249230, T-255997, \u00a0 ...<br \/><div class=\"pt-cv-rmwrap\"><a href=\"https:\/\/www.dmsjuridica.com\/buscador_20179478954\/corteconstitucionalcronologico202454587\/t-304-00\/\" class=\"_self pt-cv-readmore btn btn-success\" target=\"_self\">Ver Sentencia Completa...<\/a><\/div><\/div><\/div><\/div>\n<div class=\"col-md-12 col-sm-12 col-xs-12 pt-cv-content-item pt-cv-1-col\" ><div class='pt-cv-ifield'><a href=\"https:\/\/www.dmsjuridica.com\/buscador_20179478954\/corteconstitucionalcronologico202454587\/t-303-00\/\" class=\"_self pt-cv-href-thumbnail pt-cv-thumb-default\" target=\"_self\" ><\/a>\n<div class=\"pt-cv-taxoterm above_title\"><a href='https:\/\/www.dmsjuridica.com\/buscador_20179478954\/corteconstitucionalcronologico202454587\/category\/buscar-en-toda-la-corte\/2000\/tutelas-2000\/' title='Tutelas 2000' class='pt-cv-tax-tutelas-2000'>Tutelas 2000<\/a><\/div>\n<h4 class=\"pt-cv-title\"><a href=\"https:\/\/www.dmsjuridica.com\/buscador_20179478954\/corteconstitucionalcronologico202454587\/t-303-00\/\" class=\"_self\" target=\"_self\" >T-303-00<\/a><\/h4>\n<div class=\"pt-cv-content\">\u00a0 \u00a0 Sentencia T-303\/00 \u00a0 ACCION DE TUTELA-Procedencia excepcional pago de acreencias laborales \u00a0 DERECHO AL MINIMO VITAL DEL TRABAJADOR-Agravaci\u00f3n cuando se trata de madres que sostienen a hijos y contribuyen a educaci\u00f3n \u00a0 SALARIO-Contraprestaci\u00f3n personal y aut\u00f3noma\/SALARIO-Pago oportuno con independencia de lo recibido por otro miembro de la familia \u00a0 Es un contrasentido admitir que la carencia del salario de uno de los c\u00f3nyuges se compensa con el del otro, por cuanto la familia que se sostiene con el salario de los padres, sufre igualmente una mengua considerable cuando las necesidades b\u00e1sicas que normalmente deben cubrirse con dos sueldos ...<br \/><div class=\"pt-cv-rmwrap\"><a href=\"https:\/\/www.dmsjuridica.com\/buscador_20179478954\/corteconstitucionalcronologico202454587\/t-303-00\/\" class=\"_self pt-cv-readmore btn btn-success\" target=\"_self\">Ver Sentencia Completa...<\/a><\/div><\/div><\/div><\/div>\n<div class=\"col-md-12 col-sm-12 col-xs-12 pt-cv-content-item pt-cv-1-col\" ><div class='pt-cv-ifield'><a href=\"https:\/\/www.dmsjuridica.com\/buscador_20179478954\/corteconstitucionalcronologico202454587\/t-302-00\/\" class=\"_self pt-cv-href-thumbnail pt-cv-thumb-default\" target=\"_self\" ><\/a>\n<div class=\"pt-cv-taxoterm above_title\"><a href='https:\/\/www.dmsjuridica.com\/buscador_20179478954\/corteconstitucionalcronologico202454587\/category\/buscar-en-toda-la-corte\/2000\/tutelas-2000\/' title='Tutelas 2000' class='pt-cv-tax-tutelas-2000'>Tutelas 2000<\/a><\/div>\n<h4 class=\"pt-cv-title\"><a href=\"https:\/\/www.dmsjuridica.com\/buscador_20179478954\/corteconstitucionalcronologico202454587\/t-302-00\/\" class=\"_self\" target=\"_self\" >T-302-00<\/a><\/h4>\n<div class=\"pt-cv-content\">\u00a0 \u00a0 Sentencia T-302\/00 \u00a0 SALARIO-Derecho inalienable\/SALARIO-No pago oportuno afecta derechos constitucionales \u00a0 ACCION DE TUTELA-Procedencia excepcional pago de acreencias laborales \u00a0 DERECHO AL TRABAJO EN CONDICIONES DIGNAS Y JUSTAS-Pago oportuno de salarios \u00a0 DERECHO AL MINIMO VITAL DEL TRABAJADOR-Pago oportuno de salarios \u00a0 DERECHO AL PAGO OPORTUNO DEL SALARIO-Fundamental \u00a0 EMPLEADOR-Asunci\u00f3n, en principio, servicio de salud por mora en aportes \u00a0 DERECHO AL SUBSIDIO FAMILIAR DEL NI\u00d1O-Procedencia de tutela \u00a0 Referencia: expedientes acumulados T-264876, T-265629 y T-265630. \u00a0 Acciones de tutela instauradas por Ruth Enr\u00edquez Gonz\u00e1lez, Carmen Stella Qui\u00f1ones S\u00e1nchez y Amanda Pinz\u00f3n Brochero contra el Hospital Departamental de ...<br \/><div class=\"pt-cv-rmwrap\"><a href=\"https:\/\/www.dmsjuridica.com\/buscador_20179478954\/corteconstitucionalcronologico202454587\/t-302-00\/\" class=\"_self pt-cv-readmore btn btn-success\" target=\"_self\">Ver Sentencia Completa...<\/a><\/div><\/div><\/div><\/div>\n<div class=\"col-md-12 col-sm-12 col-xs-12 pt-cv-content-item pt-cv-1-col\" ><div class='pt-cv-ifield'><a href=\"https:\/\/www.dmsjuridica.com\/buscador_20179478954\/corteconstitucionalcronologico202454587\/t-301-00\/\" class=\"_self pt-cv-href-thumbnail pt-cv-thumb-default\" target=\"_self\" ><\/a>\n<div class=\"pt-cv-taxoterm above_title\"><a href='https:\/\/www.dmsjuridica.com\/buscador_20179478954\/corteconstitucionalcronologico202454587\/category\/buscar-en-toda-la-corte\/2000\/tutelas-2000\/' title='Tutelas 2000' class='pt-cv-tax-tutelas-2000'>Tutelas 2000<\/a><\/div>\n<h4 class=\"pt-cv-title\"><a href=\"https:\/\/www.dmsjuridica.com\/buscador_20179478954\/corteconstitucionalcronologico202454587\/t-301-00\/\" class=\"_self\" target=\"_self\" >T-301-00<\/a><\/h4>\n<div class=\"pt-cv-content\">\u00a0 \u00a0 Sentencia T-301\/00 \u00a0 ACCION DE TUTELA-Procedencia excepcional pago de acreencias laborales \u00a0 DERECHO AL MINIMO VITAL DEL PENSIONADO-Pago oportuno de mesadas \u00a0 EMPLEADOR-Situaci\u00f3n econ\u00f3mica o presupuestal no es \u00f3bice para desconocer obligaciones laborales \u00a0 Referencia: expediente T-264445 \u00a0 Acci\u00f3n de tutela instaurada por Hernando Su\u00e1rez Mart\u00ednez contra la Gobernaci\u00f3n del Tolima y Secretar\u00eda de Hacienda del Departamento \u00a0 Magistrado Ponente: \u00a0 Dr. JOS\u00c9 GREGORIO HERN\u00c1NDEZ GALINDO \u00a0 Santa Fe de Bogot\u00e1 D.C., diecis\u00e9is (16) de marzo de dos mil (2000). \u00a0 La Sala Quinta de Revisi\u00f3n de la Corte Constitucional, en ejercicio de sus competencias constitucionales y legales, ...<br \/><div class=\"pt-cv-rmwrap\"><a href=\"https:\/\/www.dmsjuridica.com\/buscador_20179478954\/corteconstitucionalcronologico202454587\/t-301-00\/\" class=\"_self pt-cv-readmore btn btn-success\" target=\"_self\">Ver Sentencia Completa...<\/a><\/div><\/div><\/div><\/div>\n<div class=\"col-md-12 col-sm-12 col-xs-12 pt-cv-content-item pt-cv-1-col\" ><div class='pt-cv-ifield'><a href=\"https:\/\/www.dmsjuridica.com\/buscador_20179478954\/corteconstitucionalcronologico202454587\/t-300-00\/\" class=\"_self pt-cv-href-thumbnail pt-cv-thumb-default\" target=\"_self\" ><\/a>\n<div class=\"pt-cv-taxoterm above_title\"><a href='https:\/\/www.dmsjuridica.com\/buscador_20179478954\/corteconstitucionalcronologico202454587\/category\/buscar-en-toda-la-corte\/2000\/tutelas-2000\/' title='Tutelas 2000' class='pt-cv-tax-tutelas-2000'>Tutelas 2000<\/a><\/div>\n<h4 class=\"pt-cv-title\"><a href=\"https:\/\/www.dmsjuridica.com\/buscador_20179478954\/corteconstitucionalcronologico202454587\/t-300-00\/\" class=\"_self\" target=\"_self\" >T-300-00<\/a><\/h4>\n<div class=\"pt-cv-content\">\u00a0 \u00a0 Sentencia T-300\/00 \u00a0 PERSONA JURIDICA-Titularidad de derechos fundamentales \u00a0 PERSONA JURIDICA-Importancia \u00a0 Dista mucho de ser verdadera en el mundo presente la teor\u00eda acerca de que las personas jur\u00eddicas son \"un mero artificio\". Se trata, por el contrario, de entes cuya vitalidad, importancia e incidencia en la vida colectiva -de la cual son hoy elemento esencial- no depende de una ligaz\u00f3n formal y aleatoria con las personas naturales que los han constituido, sino de la din\u00e1mica que el ordenamiento jur\u00eddico y el desarrollo mismo de los acontecimientos han logrado imprimirles. \u00a0 LIBERTAD DE ASOCIACION SINDICAL-Persecuci\u00f3n \u00a0 SINDICATO-Debilitamiento econ\u00f3mico\/LIBERTAD ...<br \/><div class=\"pt-cv-rmwrap\"><a href=\"https:\/\/www.dmsjuridica.com\/buscador_20179478954\/corteconstitucionalcronologico202454587\/t-300-00\/\" class=\"_self pt-cv-readmore btn btn-success\" target=\"_self\">Ver Sentencia Completa...<\/a><\/div><\/div><\/div><\/div>\n<div class=\"col-md-12 col-sm-12 col-xs-12 pt-cv-content-item pt-cv-1-col\" ><div class='pt-cv-ifield'><a href=\"https:\/\/www.dmsjuridica.com\/buscador_20179478954\/corteconstitucionalcronologico202454587\/t-299-00\/\" class=\"_self pt-cv-href-thumbnail pt-cv-thumb-default\" target=\"_self\" ><\/a>\n<div class=\"pt-cv-taxoterm above_title\"><a href='https:\/\/www.dmsjuridica.com\/buscador_20179478954\/corteconstitucionalcronologico202454587\/category\/buscar-en-toda-la-corte\/2000\/tutelas-2000\/' title='Tutelas 2000' class='pt-cv-tax-tutelas-2000'>Tutelas 2000<\/a><\/div>\n<h4 class=\"pt-cv-title\"><a href=\"https:\/\/www.dmsjuridica.com\/buscador_20179478954\/corteconstitucionalcronologico202454587\/t-299-00\/\" class=\"_self\" target=\"_self\" >T-299-00<\/a><\/h4>\n<div class=\"pt-cv-content\">\u00a0 \u00a0 Sentencia T-299\/00 \u00a0 ACCION DE TUTELA-Procedencia excepcional pago de acreencias laborales \u00a0 Referencia: expediente T-262556 \u00a0 Acci\u00f3n de tutela instaurada por Rodolfo Carlos Mart\u00ednez Cabrera contra la empresa \"Comercial Moderna S.A.\", el Seguro Social -Seccional Atl\u00e1ntico-, \"Combarranquilla\", la Oficina del Trabajo -Seccional Atl\u00e1ntico-, la Superintendencia de Sociedades, el Fondo de Cesant\u00edas \"Porvenir\" y el Fondo de Pensiones \"Porvernir\". \u00a0 Magistrado Ponente: \u00a0 Dr. JOS\u00c9 GREGORIO HERN\u00c1NDEZ GALINDO \u00a0 Santaf\u00e9 de Bogot\u00e1 D.C., diecis\u00e9is (16) de marzo de dos mil (2000). \u00a0 La Sala Quinta de Revisi\u00f3n de la Corte Constitucional, en ejercicio de sus competencias constitucionales y legales, ...<br \/><div class=\"pt-cv-rmwrap\"><a href=\"https:\/\/www.dmsjuridica.com\/buscador_20179478954\/corteconstitucionalcronologico202454587\/t-299-00\/\" class=\"_self pt-cv-readmore btn btn-success\" target=\"_self\">Ver Sentencia Completa...<\/a><\/div><\/div><\/div><\/div>\n<div class=\"col-md-12 col-sm-12 col-xs-12 pt-cv-content-item pt-cv-1-col\" ><div class='pt-cv-ifield'><a href=\"https:\/\/www.dmsjuridica.com\/buscador_20179478954\/corteconstitucionalcronologico202454587\/t-298-00\/\" class=\"_self pt-cv-href-thumbnail pt-cv-thumb-default\" target=\"_self\" ><\/a>\n<div class=\"pt-cv-taxoterm above_title\"><a href='https:\/\/www.dmsjuridica.com\/buscador_20179478954\/corteconstitucionalcronologico202454587\/category\/buscar-en-toda-la-corte\/2000\/tutelas-2000\/' title='Tutelas 2000' class='pt-cv-tax-tutelas-2000'>Tutelas 2000<\/a><\/div>\n<h4 class=\"pt-cv-title\"><a href=\"https:\/\/www.dmsjuridica.com\/buscador_20179478954\/corteconstitucionalcronologico202454587\/t-298-00\/\" class=\"_self\" target=\"_self\" >T-298-00<\/a><\/h4>\n<div class=\"pt-cv-content\">\u00a0 \u00a0 Sentencia T-298\/00 \u00a0 JUEZ-An\u00e1lisis ineludible sobre competencia\/JUEZ PENAL MILITAR-Competencia excepcional \u00a0 JUSTICIA PENAL MILITAR-Inexequibilidad de normas relativas al principio de ocasionalidad \u00a0 JUSTICIA PENAL MILITAR-Aplicaci\u00f3n a delito cometido en relaci\u00f3n con el servicio \u00a0 FUERO PENAL MILITAR-Ambito \u00a0 ORDEN DEL SERVICIO-Alcance \u00a0 FUERO PENAL MILITAR-No extensi\u00f3n a conductas que est\u00e1n m\u00e1s all\u00e1 de delitos\/JUSTICIA PENAL MILITAR-Limitaci\u00f3n al \u00e1mbito de aplicaci\u00f3n \u00a0 VIA DE HECHO POR APLICACION DE NORMA INEXEQUIBLE-Procedencia de tutela \u00a0 Referencia: expediente T-257.137 \u00a0 Acci\u00f3n de tutela contra el Tribunal Superior Militar, la Unidad Nacional de Derechos Humanos de la Fiscal\u00eda General de la Naci\u00f3n y ...<br \/><div class=\"pt-cv-rmwrap\"><a href=\"https:\/\/www.dmsjuridica.com\/buscador_20179478954\/corteconstitucionalcronologico202454587\/t-298-00\/\" class=\"_self pt-cv-readmore btn btn-success\" target=\"_self\">Ver Sentencia Completa...<\/a><\/div><\/div><\/div><\/div>\n<div class=\"col-md-12 col-sm-12 col-xs-12 pt-cv-content-item pt-cv-1-col\" ><div class='pt-cv-ifield'><a href=\"https:\/\/www.dmsjuridica.com\/buscador_20179478954\/corteconstitucionalcronologico202454587\/t-297-00\/\" class=\"_self pt-cv-href-thumbnail pt-cv-thumb-default\" target=\"_self\" ><\/a>\n<div class=\"pt-cv-taxoterm above_title\"><a href='https:\/\/www.dmsjuridica.com\/buscador_20179478954\/corteconstitucionalcronologico202454587\/category\/buscar-en-toda-la-corte\/2000\/tutelas-2000\/' title='Tutelas 2000' class='pt-cv-tax-tutelas-2000'>Tutelas 2000<\/a><\/div>\n<h4 class=\"pt-cv-title\"><a href=\"https:\/\/www.dmsjuridica.com\/buscador_20179478954\/corteconstitucionalcronologico202454587\/t-297-00\/\" class=\"_self\" target=\"_self\" >T-297-00<\/a><\/h4>\n<div class=\"pt-cv-content\">\u00a0 \u00a0 Sentencia T-297\/00 \u00a0 ACCION DE TUTELA-Improcedencia para establecer responsabilidad solidaria de obligaci\u00f3n patrimonial \u00a0 DERECHO A LA VIDA DIGNA DEL PENSIONADO-Pago oportuno de mesadas por compa\u00f1\u00eda de inversiones de Flota Mercante \u00a0 EMPLEADOR-Inexistencia de negligencia en crisis econ\u00f3mica o presupuestal no exime el pago de mesadas pensionales\/DERECHOS FUNDAMENTALES-Intencionalidad en desconocimiento no es elemento relevante para la procedencia de la tutela \u00a0 JUEZ CONSTITUCIONAL-Funci\u00f3n primordial\/CONMUTACION PENSIONAL-Compa\u00f1\u00eda de Inversiones de Flota Mercante \u00a0 CONMUTACION PENSIONAL-Dilataci\u00f3n por Compa\u00f1\u00eda de Inversiones de Flota Mercante que afecta derechos de jubilados\/DERECHO A LA VIDA DIGNA-Pago oportuno de mesadas pensionales por Compa\u00f1\u00eda de Inversiones de ...<br \/><div class=\"pt-cv-rmwrap\"><a href=\"https:\/\/www.dmsjuridica.com\/buscador_20179478954\/corteconstitucionalcronologico202454587\/t-297-00\/\" class=\"_self pt-cv-readmore btn btn-success\" target=\"_self\">Ver Sentencia Completa...<\/a><\/div><\/div><\/div><\/div>\n<div class=\"col-md-12 col-sm-12 col-xs-12 pt-cv-content-item pt-cv-1-col\" ><div class='pt-cv-ifield'><a href=\"https:\/\/www.dmsjuridica.com\/buscador_20179478954\/corteconstitucionalcronologico202454587\/t-296-00\/\" class=\"_self pt-cv-href-thumbnail pt-cv-thumb-default\" target=\"_self\" ><\/a>\n<div class=\"pt-cv-taxoterm above_title\"><a href='https:\/\/www.dmsjuridica.com\/buscador_20179478954\/corteconstitucionalcronologico202454587\/category\/buscar-en-toda-la-corte\/2000\/tutelas-2000\/' title='Tutelas 2000' class='pt-cv-tax-tutelas-2000'>Tutelas 2000<\/a><\/div>\n<h4 class=\"pt-cv-title\"><a href=\"https:\/\/www.dmsjuridica.com\/buscador_20179478954\/corteconstitucionalcronologico202454587\/t-296-00\/\" class=\"_self\" target=\"_self\" >T-296-00<\/a><\/h4>\n<div class=\"pt-cv-content\">\u00a0 \u00a0 Sentencia T-296\/00 \u00a0 VIA DE HECHO-Determinaci\u00f3n si errores o faltas pueden corregirse en el mismo proceso a trav\u00e9s de mecanismos legales\/VIA DE HECHO-Improcedencia por existencia de medio de defensa judicial \u00a0 Esta Corporaci\u00f3n ha se\u00f1alado que cuando en la acci\u00f3n de tutela se alega v\u00eda de hecho en relaci\u00f3n con las distintas etapas de un proceso, o en la propia sentencia, la intervenci\u00f3n del juez de tutela, por ser estrictamente excepcional, debe estar encaminada a determinar si a pesar de existir errores o faltas en los procesos, \u00e9stos pueden ser corregidos en el propio proceso, a trav\u00e9s de ...<br \/><div class=\"pt-cv-rmwrap\"><a href=\"https:\/\/www.dmsjuridica.com\/buscador_20179478954\/corteconstitucionalcronologico202454587\/t-296-00\/\" class=\"_self pt-cv-readmore btn btn-success\" target=\"_self\">Ver Sentencia Completa...<\/a><\/div><\/div><\/div><\/div>\n<div class=\"col-md-12 col-sm-12 col-xs-12 pt-cv-content-item pt-cv-1-col\" ><div class='pt-cv-ifield'><a href=\"https:\/\/www.dmsjuridica.com\/buscador_20179478954\/corteconstitucionalcronologico202454587\/t-295-00\/\" class=\"_self pt-cv-href-thumbnail pt-cv-thumb-default\" target=\"_self\" ><\/a>\n<div class=\"pt-cv-taxoterm above_title\"><a href='https:\/\/www.dmsjuridica.com\/buscador_20179478954\/corteconstitucionalcronologico202454587\/category\/buscar-en-toda-la-corte\/2000\/tutelas-2000\/' title='Tutelas 2000' class='pt-cv-tax-tutelas-2000'>Tutelas 2000<\/a><\/div>\n<h4 class=\"pt-cv-title\"><a href=\"https:\/\/www.dmsjuridica.com\/buscador_20179478954\/corteconstitucionalcronologico202454587\/t-295-00\/\" class=\"_self\" target=\"_self\" >T-295-00<\/a><\/h4>\n<div class=\"pt-cv-content\">\u00a0 \u00a0 Sentencia T-295\/00 \u00a0 DERECHO DE PETICION ANTE ORGANIZACIONES PRIVADAS-Procedencia excepcional \u00a0 Referencia: expediente T-283785 \u00a0 Peticionario: Gloria Celene Arboleda Guerra \u00a0 Procedencia : \u00a0Juzgado Primero Promiscuo Municipal de Sabaneta\u00a0 \u00a0 Magistrado Ponente:\u00a0 \u00a0 Dr. ALFREDO BELTR\u00c1N SIERRA. \u00a0 Santaf\u00e9 de Bogot\u00e1, D.C., marzo dieciseis (16) de dos mil (2000).\u00a0 \u00a0 La Sala Segunda de Revisi\u00f3n de la Corte Constitucional, integrada por los magistrados, Alfredo Beltr\u00e1n Sierra, Eduardo Cifuentes Mu\u00f1oz y Carlos Gaviria D\u00edaz, en ejercicio de sus competencias constitucionales y legales, ha proferido la siguiente : \u00a0 SENTENCIA \u00a0 El expediente lleg\u00f3 a la Corte Constitucional, por remisi\u00f3n ...<br \/><div class=\"pt-cv-rmwrap\"><a href=\"https:\/\/www.dmsjuridica.com\/buscador_20179478954\/corteconstitucionalcronologico202454587\/t-295-00\/\" class=\"_self pt-cv-readmore btn btn-success\" target=\"_self\">Ver Sentencia Completa...<\/a><\/div><\/div><\/div><\/div>\n<div class=\"col-md-12 col-sm-12 col-xs-12 pt-cv-content-item pt-cv-1-col\" ><div class='pt-cv-ifield'><a href=\"https:\/\/www.dmsjuridica.com\/buscador_20179478954\/corteconstitucionalcronologico202454587\/t-294-00\/\" class=\"_self pt-cv-href-thumbnail pt-cv-thumb-default\" target=\"_self\" ><\/a>\n<div class=\"pt-cv-taxoterm above_title\"><a href='https:\/\/www.dmsjuridica.com\/buscador_20179478954\/corteconstitucionalcronologico202454587\/category\/buscar-en-toda-la-corte\/2000\/tutelas-2000\/' title='Tutelas 2000' class='pt-cv-tax-tutelas-2000'>Tutelas 2000<\/a><\/div>\n<h4 class=\"pt-cv-title\"><a href=\"https:\/\/www.dmsjuridica.com\/buscador_20179478954\/corteconstitucionalcronologico202454587\/t-294-00\/\" class=\"_self\" target=\"_self\" >T-294-00<\/a><\/h4>\n<div class=\"pt-cv-content\">\u00a0 \u00a0 Sentencia T-294\/00 \u00a0 SENTENCIA DE REVISION DE TUTELA-Breve justificaci\u00f3n \u00a0 LEGITIMACION POR ACTIVA EN TUTELA-Alcance \u00a0 Est\u00e1 legitimado para hacer uso del mecanismo que consagra el art\u00edculo 86 de la Constituci\u00f3n, en primer t\u00e9rmino, el titular del derecho fundamental que se dice vulnerado; en su defecto, el \u00a0representante de \u00e9ste y previsto as\u00ed por la ley, como ser\u00eda el caso de los padres respecto de los hijos menores de edad, o a la persona que se haya designado para el efecto, caso \u00a0en el cual, el representante ha de tener la calidad de abogado inscrito. Eventualmente, cuando el ...<br \/><div class=\"pt-cv-rmwrap\"><a href=\"https:\/\/www.dmsjuridica.com\/buscador_20179478954\/corteconstitucionalcronologico202454587\/t-294-00\/\" class=\"_self pt-cv-readmore btn btn-success\" target=\"_self\">Ver Sentencia Completa...<\/a><\/div><\/div><\/div><\/div>\n<div class=\"col-md-12 col-sm-12 col-xs-12 pt-cv-content-item pt-cv-1-col\" ><div class='pt-cv-ifield'><a href=\"https:\/\/www.dmsjuridica.com\/buscador_20179478954\/corteconstitucionalcronologico202454587\/t-286-00\/\" class=\"_self pt-cv-href-thumbnail pt-cv-thumb-default\" target=\"_self\" ><\/a>\n<div class=\"pt-cv-taxoterm above_title\"><a href='https:\/\/www.dmsjuridica.com\/buscador_20179478954\/corteconstitucionalcronologico202454587\/category\/buscar-en-toda-la-corte\/2000\/tutelas-2000\/' title='Tutelas 2000' class='pt-cv-tax-tutelas-2000'>Tutelas 2000<\/a><\/div>\n<h4 class=\"pt-cv-title\"><a href=\"https:\/\/www.dmsjuridica.com\/buscador_20179478954\/corteconstitucionalcronologico202454587\/t-286-00\/\" class=\"_self\" target=\"_self\" >T-286-00<\/a><\/h4>\n<div class=\"pt-cv-content\">\u00a0 \u00a0 Sentencia T-286\/00 \u00a0 PENSION POSTMORTEN Y SEGURO DE MUERTE-Negativa de reconocimiento por no tener calidad de c\u00f3nyuge la compa\u00f1era permanente \u00a0 FAMILIA-Constituci\u00f3n \u00a0 DERECHO A LA IGUALDAD DE LA FAMILIA-Discriminaci\u00f3n entre c\u00f3nyuge y compa\u00f1era permanente \u00a0 DERECHO A LA IGUALDAD DE LA FAMILIA-Matrimonio y uni\u00f3n libre \u00a0 La Constituci\u00f3n de 1991 elimin\u00f3 de manera tajante y definitiva toda forma de diferenciaci\u00f3n entre el matrimonio y la uni\u00f3n permanente como fuentes u or\u00edgenes de la familia. Tanto el contrato solemne como la voluntad responsable de un hombre y una mujer, sin formalidad alguna, producen el efecto jur\u00eddico de formaci\u00f3n ...<br \/><div class=\"pt-cv-rmwrap\"><a href=\"https:\/\/www.dmsjuridica.com\/buscador_20179478954\/corteconstitucionalcronologico202454587\/t-286-00\/\" class=\"_self pt-cv-readmore btn btn-success\" target=\"_self\">Ver Sentencia Completa...<\/a><\/div><\/div><\/div><\/div>\n<div class=\"col-md-12 col-sm-12 col-xs-12 pt-cv-content-item pt-cv-1-col\" ><div class='pt-cv-ifield'><a href=\"https:\/\/www.dmsjuridica.com\/buscador_20179478954\/corteconstitucionalcronologico202454587\/t-285-00\/\" class=\"_self pt-cv-href-thumbnail pt-cv-thumb-default\" target=\"_self\" ><\/a>\n<div class=\"pt-cv-taxoterm above_title\"><a href='https:\/\/www.dmsjuridica.com\/buscador_20179478954\/corteconstitucionalcronologico202454587\/category\/buscar-en-toda-la-corte\/2000\/tutelas-2000\/' title='Tutelas 2000' class='pt-cv-tax-tutelas-2000'>Tutelas 2000<\/a><\/div>\n<h4 class=\"pt-cv-title\"><a href=\"https:\/\/www.dmsjuridica.com\/buscador_20179478954\/corteconstitucionalcronologico202454587\/t-285-00\/\" class=\"_self\" target=\"_self\" >T-285-00<\/a><\/h4>\n<div class=\"pt-cv-content\">\u00a0 \u00a0 Sentencia T-285\/00 \u00a0 DERECHO A LA VIDA DIGNA-Alcance\/DERECHO A LA VIDA DIGNA-Dolor \u00a0 El derecho constitucional fundamental a la vida no significa la simple posibilidad de existir, desde el punto de vista puramente biol\u00f3gico, sino que supone la garant\u00eda de una existencia digna con la cual ri\u00f1e toda situaci\u00f3n de maltrato o de menoscabo de la integridad y respetabilidad del individuo. Tal es el caso del dolor, bien sea provocado o ya permitido o facilitado por negligencia o abandono. En especial, una instituci\u00f3n de seguridad social est\u00e1 obligada a brindar a sus afiliados y beneficiarios los cuidados indispensables ...<br \/><div class=\"pt-cv-rmwrap\"><a href=\"https:\/\/www.dmsjuridica.com\/buscador_20179478954\/corteconstitucionalcronologico202454587\/t-285-00\/\" class=\"_self pt-cv-readmore btn btn-success\" target=\"_self\">Ver Sentencia Completa...<\/a><\/div><\/div><\/div><\/div>\n<div class=\"col-md-12 col-sm-12 col-xs-12 pt-cv-content-item pt-cv-1-col\" ><div class='pt-cv-ifield'><a href=\"https:\/\/www.dmsjuridica.com\/buscador_20179478954\/corteconstitucionalcronologico202454587\/t-284-00\/\" class=\"_self pt-cv-href-thumbnail pt-cv-thumb-default\" target=\"_self\" ><\/a>\n<div class=\"pt-cv-taxoterm above_title\"><a href='https:\/\/www.dmsjuridica.com\/buscador_20179478954\/corteconstitucionalcronologico202454587\/category\/buscar-en-toda-la-corte\/2000\/tutelas-2000\/' title='Tutelas 2000' class='pt-cv-tax-tutelas-2000'>Tutelas 2000<\/a><\/div>\n<h4 class=\"pt-cv-title\"><a href=\"https:\/\/www.dmsjuridica.com\/buscador_20179478954\/corteconstitucionalcronologico202454587\/t-284-00\/\" class=\"_self\" target=\"_self\" >T-284-00<\/a><\/h4>\n<div class=\"pt-cv-content\">\u00a0 \u00a0 Sentencia T-284\/00 \u00a0 ACCION DE TUTELA-Procedencia excepcional pago de acreencias laborales \u00a0 DERECHO AL MINIMO VITAL DEL PENSIONADO-Pago oportuno de mesadas \u00a0 DERECHO AL MINIMO VITAL DEL PENSIONADO-Padecimiento de hambre, falta de servicios p\u00fablicos, mora en arriendo, dinero prestado y negativa en servicios de salud \u00a0 DERECHO A LA VIDA DIGNA DEL PENSIONADO-Pago oportuno de mesadas \u00a0 EMPLEADOR-Situaci\u00f3n econ\u00f3mica o presupuestal no es \u00f3bice para desconocer obligaciones laborales \u00a0 Referencia: expedientes T-261425 y T-261432 acumulados \u00a0 Acci\u00f3n de tutela instaurada por Adela Diaz Viveros y Alirio Rivas Soto contra las Empresas P\u00fablicas Municipales de Buenaventura. \u00a0 Magistrado Ponente: ...<br \/><div class=\"pt-cv-rmwrap\"><a href=\"https:\/\/www.dmsjuridica.com\/buscador_20179478954\/corteconstitucionalcronologico202454587\/t-284-00\/\" class=\"_self pt-cv-readmore btn btn-success\" target=\"_self\">Ver Sentencia Completa...<\/a><\/div><\/div><\/div><\/div>\n<div class=\"col-md-12 col-sm-12 col-xs-12 pt-cv-content-item pt-cv-1-col\" ><div class='pt-cv-ifield'><a href=\"https:\/\/www.dmsjuridica.com\/buscador_20179478954\/corteconstitucionalcronologico202454587\/t-283-00\/\" class=\"_self pt-cv-href-thumbnail pt-cv-thumb-default\" target=\"_self\" ><\/a>\n<div class=\"pt-cv-taxoterm above_title\"><a href='https:\/\/www.dmsjuridica.com\/buscador_20179478954\/corteconstitucionalcronologico202454587\/category\/buscar-en-toda-la-corte\/2000\/tutelas-2000\/' title='Tutelas 2000' class='pt-cv-tax-tutelas-2000'>Tutelas 2000<\/a><\/div>\n<h4 class=\"pt-cv-title\"><a href=\"https:\/\/www.dmsjuridica.com\/buscador_20179478954\/corteconstitucionalcronologico202454587\/t-283-00\/\" class=\"_self\" target=\"_self\" >T-283-00<\/a><\/h4>\n<div class=\"pt-cv-content\">\u00a0 \u00a0 Sentencia T-283\/00 \u00a0 PENSION DE SOBREVIVIENTES-Suspensi\u00f3n \u00a0 DERECHO A LA EDUCACION-Suspensi\u00f3n de pensi\u00f3n por llegar hijo a los dieciocho a\u00f1os \u00a0 ACCION DE TUTELA TRANSITORIA DEL DERECHO A LA EDUCACION-Continuaci\u00f3n pago de pensi\u00f3n a hijo mayor de edad por estudios \u00a0 Referencia: expediente T- 261522 \u00a0 Magistrado Ponente: \u00a0 Dr. JOS\u00c9 GREGORIO HERN\u00c1NDEZ GALINDO \u00a0 Santa Fe de Bogot\u00e1, D.C., trece (13) de marzo de dos mil (2000). \u00a0 La Sala Quinta de Revisi\u00f3n de la Corte Constitucional, en ejercicio de sus competencias constitucionales y legales, espec\u00edficamente las previstas en los art\u00edculos 86 y 241, numeral 9, de ...<br \/><div class=\"pt-cv-rmwrap\"><a href=\"https:\/\/www.dmsjuridica.com\/buscador_20179478954\/corteconstitucionalcronologico202454587\/t-283-00\/\" class=\"_self pt-cv-readmore btn btn-success\" target=\"_self\">Ver Sentencia Completa...<\/a><\/div><\/div><\/div><\/div>\n<div class=\"col-md-12 col-sm-12 col-xs-12 pt-cv-content-item pt-cv-1-col\" ><div class='pt-cv-ifield'><a href=\"https:\/\/www.dmsjuridica.com\/buscador_20179478954\/corteconstitucionalcronologico202454587\/t-282-00\/\" class=\"_self pt-cv-href-thumbnail pt-cv-thumb-default\" target=\"_self\" ><\/a>\n<div class=\"pt-cv-taxoterm above_title\"><a href='https:\/\/www.dmsjuridica.com\/buscador_20179478954\/corteconstitucionalcronologico202454587\/category\/buscar-en-toda-la-corte\/2000\/tutelas-2000\/' title='Tutelas 2000' class='pt-cv-tax-tutelas-2000'>Tutelas 2000<\/a><\/div>\n<h4 class=\"pt-cv-title\"><a href=\"https:\/\/www.dmsjuridica.com\/buscador_20179478954\/corteconstitucionalcronologico202454587\/t-282-00\/\" class=\"_self\" target=\"_self\" >T-282-00<\/a><\/h4>\n<div class=\"pt-cv-content\">\u00a0 \u00a0 Sentencia T-282\/00 \u00a0 ACCION DE TUTELA-Procedencia excepcional pago de acreencias laborales\/DERECHO AL MINIMO VITAL DEL PENSIONADO-Pago oportuno de mesadas\/DERECHO A LA VIDA DIGNA DEL PENSIONADO-Pago oportuno de mesadas \u00a0 Esta Corporaci\u00f3n ha se\u00f1alado que en sentido general la tutela no procede para obtener el pago de acreencias laborales, ante la existencia de otros medios de defensa judicial. Sin embargo, ha aceptado de manera excepcional su procedencia cuando las mesadas pensionales, dejadas de cancelar oportunamente, corresponden a la \u00fanica fuente de ingresos para llevar una vida en condiciones dignas y justas, lo que significa que la mora prolongada de ...<br \/><div class=\"pt-cv-rmwrap\"><a href=\"https:\/\/www.dmsjuridica.com\/buscador_20179478954\/corteconstitucionalcronologico202454587\/t-282-00\/\" class=\"_self pt-cv-readmore btn btn-success\" target=\"_self\">Ver Sentencia Completa...<\/a><\/div><\/div><\/div><\/div>\n<div class=\"col-md-12 col-sm-12 col-xs-12 pt-cv-content-item pt-cv-1-col\" ><div class='pt-cv-ifield'><a href=\"https:\/\/www.dmsjuridica.com\/buscador_20179478954\/corteconstitucionalcronologico202454587\/t-281-00\/\" class=\"_self pt-cv-href-thumbnail pt-cv-thumb-default\" target=\"_self\" ><\/a>\n<div class=\"pt-cv-taxoterm above_title\"><a href='https:\/\/www.dmsjuridica.com\/buscador_20179478954\/corteconstitucionalcronologico202454587\/category\/buscar-en-toda-la-corte\/2000\/tutelas-2000\/' title='Tutelas 2000' class='pt-cv-tax-tutelas-2000'>Tutelas 2000<\/a><\/div>\n<h4 class=\"pt-cv-title\"><a href=\"https:\/\/www.dmsjuridica.com\/buscador_20179478954\/corteconstitucionalcronologico202454587\/t-281-00\/\" class=\"_self\" target=\"_self\" >T-281-00<\/a><\/h4>\n<div class=\"pt-cv-content\">\u00a0 \u00a0 Sentencia T-281\/00 \u00a0 ACCION DE TUTELA CONTRA PARTICULARES-Procedencia excepcional \u00a0 SUBORDINACION LABORAL-Pago oportuno de salarios \u00a0 ACCION DE TUTELA-Procedencia excepcional pago de acreencias laborales \u00a0 DERECHO AL MINIMO VITAL DEL TRABAJADOR-Pago oportuno de salarios \u00a0 Referencia: expediente T-260871 \u00a0 Acci\u00f3n de tutela instaurada por Arturo Sosa, Jorge E. Moreno T, Mario Cote, Sa\u00fal Bol\u00edvar, Aldemar Carranza, Siervo Tarazona, Luis H. Abello, Ernesto Araque, Reinaldo Combita, Marcos Contreras, Artemio Burbano, Jes\u00fas Cucunub\u00e1, F\u00e9lix Hern\u00e1ndez, Mois\u00e9s Nieto, Guillermo Suoza, Orlando Rodr\u00edguez y Feliciano Morales contra la empresa \"Autobuses Ol\u00edmpica Ltda.\" \u00a0 Magistrado Ponente: \u00a0 Dr. JOS\u00c9 GREGORIO HERN\u00c1NDEZ GALINDO \u00a0 ...<br \/><div class=\"pt-cv-rmwrap\"><a href=\"https:\/\/www.dmsjuridica.com\/buscador_20179478954\/corteconstitucionalcronologico202454587\/t-281-00\/\" class=\"_self pt-cv-readmore btn btn-success\" target=\"_self\">Ver Sentencia Completa...<\/a><\/div><\/div><\/div><\/div>\n<div class=\"col-md-12 col-sm-12 col-xs-12 pt-cv-content-item pt-cv-1-col\" ><div class='pt-cv-ifield'><a href=\"https:\/\/www.dmsjuridica.com\/buscador_20179478954\/corteconstitucionalcronologico202454587\/t-280-00\/\" class=\"_self pt-cv-href-thumbnail pt-cv-thumb-default\" target=\"_self\" ><\/a>\n<div class=\"pt-cv-taxoterm above_title\"><a href='https:\/\/www.dmsjuridica.com\/buscador_20179478954\/corteconstitucionalcronologico202454587\/category\/buscar-en-toda-la-corte\/2000\/tutelas-2000\/' title='Tutelas 2000' class='pt-cv-tax-tutelas-2000'>Tutelas 2000<\/a><\/div>\n<h4 class=\"pt-cv-title\"><a href=\"https:\/\/www.dmsjuridica.com\/buscador_20179478954\/corteconstitucionalcronologico202454587\/t-280-00\/\" class=\"_self\" target=\"_self\" >T-280-00<\/a><\/h4>\n<div class=\"pt-cv-content\">\u00a0 \u00a0 Sentencia T-280\/00 \u00a0 DERECHO DE PETICION-Obligaci\u00f3n patronal de certificar asuntos inherentes a la relaci\u00f3n laboral \u00a0 Mirado el aspecto del derecho que tiene todo trabajador a conocer con exactitud sobre los elementos que inciden en su relaci\u00f3n laboral o que se desprenden de ella, debe concluirse que tambi\u00e9n fue desconocido; lo menos que puede obtener un trabajador de su patrono es que le explique, en forma detallada y clara, c\u00f3mo viene ejecut\u00e1ndose el contrato desde el punto de vista econ\u00f3mico, las cifras que devenga y su imputaci\u00f3n, seg\u00fan se trate de \u00a0salarios o prestaciones, a la luz de ...<br \/><div class=\"pt-cv-rmwrap\"><a href=\"https:\/\/www.dmsjuridica.com\/buscador_20179478954\/corteconstitucionalcronologico202454587\/t-280-00\/\" class=\"_self pt-cv-readmore btn btn-success\" target=\"_self\">Ver Sentencia Completa...<\/a><\/div><\/div><\/div><\/div>\n<div class=\"col-md-12 col-sm-12 col-xs-12 pt-cv-content-item pt-cv-1-col\" ><div class='pt-cv-ifield'><a href=\"https:\/\/www.dmsjuridica.com\/buscador_20179478954\/corteconstitucionalcronologico202454587\/t-279-00\/\" class=\"_self pt-cv-href-thumbnail pt-cv-thumb-default\" target=\"_self\" ><\/a>\n<div class=\"pt-cv-taxoterm above_title\"><a href='https:\/\/www.dmsjuridica.com\/buscador_20179478954\/corteconstitucionalcronologico202454587\/category\/buscar-en-toda-la-corte\/2000\/tutelas-2000\/' title='Tutelas 2000' class='pt-cv-tax-tutelas-2000'>Tutelas 2000<\/a><\/div>\n<h4 class=\"pt-cv-title\"><a href=\"https:\/\/www.dmsjuridica.com\/buscador_20179478954\/corteconstitucionalcronologico202454587\/t-279-00\/\" class=\"_self\" target=\"_self\" >T-279-00<\/a><\/h4>\n<div class=\"pt-cv-content\">\u00a0 \u00a0 Sentencia T-279\/00 \u00a0 ACCION DE TUTELA-Procedencia excepcional pago de acreencias laborales \u00a0 Referencia: expediente T-260134 \u00a0 Acci\u00f3n de tutela instaurada por Mar\u00eda Esperanza L\u00f3pez Rend\u00f3n contra el Hospital \"San Juan de Dios\". \u00a0 Magistrado Ponente: \u00a0 Dr. JOS\u00c9 GREGORIO HERN\u00c1NDEZ GALINDO \u00a0 Santa Fe de Bogot\u00e1, D.C., trece \u00a0(13) de marzo de dos mil (2000). \u00a0 La Sala Quinta de Revisi\u00f3n de la Corte Constitucional, en ejercicio de sus competencias constitucionales y legales, espec\u00edficamente las previstas en los art\u00edculos 86 y 241, numeral 9, de la Constituci\u00f3n Pol\u00edtica y en el Decreto 2591 de 1991, ha proferido la ...<br \/><div class=\"pt-cv-rmwrap\"><a href=\"https:\/\/www.dmsjuridica.com\/buscador_20179478954\/corteconstitucionalcronologico202454587\/t-279-00\/\" class=\"_self pt-cv-readmore btn btn-success\" target=\"_self\">Ver Sentencia Completa...<\/a><\/div><\/div><\/div><\/div>\n<div class=\"col-md-12 col-sm-12 col-xs-12 pt-cv-content-item pt-cv-1-col\" ><div class='pt-cv-ifield'><a href=\"https:\/\/www.dmsjuridica.com\/buscador_20179478954\/corteconstitucionalcronologico202454587\/t-278-00\/\" class=\"_self pt-cv-href-thumbnail pt-cv-thumb-default\" target=\"_self\" ><\/a>\n<div class=\"pt-cv-taxoterm above_title\"><a href='https:\/\/www.dmsjuridica.com\/buscador_20179478954\/corteconstitucionalcronologico202454587\/category\/buscar-en-toda-la-corte\/2000\/tutelas-2000\/' title='Tutelas 2000' class='pt-cv-tax-tutelas-2000'>Tutelas 2000<\/a><\/div>\n<h4 class=\"pt-cv-title\"><a href=\"https:\/\/www.dmsjuridica.com\/buscador_20179478954\/corteconstitucionalcronologico202454587\/t-278-00\/\" class=\"_self\" target=\"_self\" >T-278-00<\/a><\/h4>\n<div class=\"pt-cv-content\">\u00a0 \u00a0 Sentencia T-278\/00 \u00a0 ACCION DE TUTELA CONTRA PARTICULARES-Improcedencia respecto de club social \u00a0 El club social demandado no presta un servicio p\u00fablico, tampoco su conducta pone en riesgo intereses de car\u00e1cter colectivo, y no es posible hablar de condiciones de subordinaci\u00f3n o de indefensi\u00f3n. \u00a0 HIJO LEGITIMO-Expresi\u00f3n inconstitucional \u00a0 CLUBES SOCIALES-Improcedencia de dar trato econ\u00f3mico diferente \u00a0 Aunque la actora alega una discriminaci\u00f3n por su condici\u00f3n de hija extramatrimonial, lo cierto es que el Club no puede darle el trato econ\u00f3mico preferente que ella reclama, puesto que no cumple, al menos con una condici\u00f3n, que la Corte estima ...<br \/><div class=\"pt-cv-rmwrap\"><a href=\"https:\/\/www.dmsjuridica.com\/buscador_20179478954\/corteconstitucionalcronologico202454587\/t-278-00\/\" class=\"_self pt-cv-readmore btn btn-success\" target=\"_self\">Ver Sentencia Completa...<\/a><\/div><\/div><\/div><\/div>\n<div class=\"col-md-12 col-sm-12 col-xs-12 pt-cv-content-item pt-cv-1-col\" ><div class='pt-cv-ifield'><a href=\"https:\/\/www.dmsjuridica.com\/buscador_20179478954\/corteconstitucionalcronologico202454587\/t-277-00\/\" class=\"_self pt-cv-href-thumbnail pt-cv-thumb-default\" target=\"_self\" ><\/a>\n<div class=\"pt-cv-taxoterm above_title\"><a href='https:\/\/www.dmsjuridica.com\/buscador_20179478954\/corteconstitucionalcronologico202454587\/category\/buscar-en-toda-la-corte\/2000\/tutelas-2000\/' title='Tutelas 2000' class='pt-cv-tax-tutelas-2000'>Tutelas 2000<\/a><\/div>\n<h4 class=\"pt-cv-title\"><a href=\"https:\/\/www.dmsjuridica.com\/buscador_20179478954\/corteconstitucionalcronologico202454587\/t-277-00\/\" class=\"_self\" target=\"_self\" >T-277-00<\/a><\/h4>\n<div class=\"pt-cv-content\">\u00a0 \u00a0 Sentencia T-277\/00 \u00a0 PLAN OBLIGATORIO DE SALUD SUBSIDIADO-Exclusi\u00f3n de tratamiento de segundo nivel \u00a0 DERECHO A LA SALUD-Manifestaci\u00f3n de no acceso a servicio obliga a explicar caminos que conducen a lograr finalidad \u00a0 ESTABLECIMIENTO DE SALUD-Deber de informar al usuario c\u00f3mo hacer valer sus derechos ante no acceso a solicitud \u00a0 DERECHO A LA VIDA DIGNA-Informaci\u00f3n completa sobre manera de acceder al servicio m\u00e9dico \u00a0 DERECHO A LA VERDAD-Ocultamiento de informaci\u00f3n\/DERECHO A LA VERDAD EN SERVICIO DE SALUD-Contenido \u00a0 INSTITUTO DEPARTAMENTAL DE SALUD-Competencia \u00a0 DERECHO A LA SALUD-Informaci\u00f3n completa y suministro de medios para efectiva intervenci\u00f3n quir\u00fargica de ...<br \/><div class=\"pt-cv-rmwrap\"><a href=\"https:\/\/www.dmsjuridica.com\/buscador_20179478954\/corteconstitucionalcronologico202454587\/t-277-00\/\" class=\"_self pt-cv-readmore btn btn-success\" target=\"_self\">Ver Sentencia Completa...<\/a><\/div><\/div><\/div><\/div>\n<div class=\"col-md-12 col-sm-12 col-xs-12 pt-cv-content-item pt-cv-1-col\" ><div class='pt-cv-ifield'><a href=\"https:\/\/www.dmsjuridica.com\/buscador_20179478954\/corteconstitucionalcronologico202454587\/t-276-00\/\" class=\"_self pt-cv-href-thumbnail pt-cv-thumb-default\" target=\"_self\" ><\/a>\n<div class=\"pt-cv-taxoterm above_title\"><a href='https:\/\/www.dmsjuridica.com\/buscador_20179478954\/corteconstitucionalcronologico202454587\/category\/buscar-en-toda-la-corte\/2000\/tutelas-2000\/' title='Tutelas 2000' class='pt-cv-tax-tutelas-2000'>Tutelas 2000<\/a><\/div>\n<h4 class=\"pt-cv-title\"><a href=\"https:\/\/www.dmsjuridica.com\/buscador_20179478954\/corteconstitucionalcronologico202454587\/t-276-00\/\" class=\"_self\" target=\"_self\" >T-276-00<\/a><\/h4>\n<div class=\"pt-cv-content\">\u00a0 \u00a0 Sentencia T-276\/00 \u00a0 CARRERA DOCENTE-Ingreso sin concurso o sin disponibilidad presupuestal \u00a0 REVOCACION DIRECTA DE ACTO ADMINISTRATIVO PARTICULAR Y CONCRETO-Consentimiento expreso y escrito del titular \u00a0 ACTO ADMINISTRATIVO PARTICULAR Y CONCRETO-Deber de administraci\u00f3n de demandar propio acto cuando se considera contrario a la Constituci\u00f3n o ley \u00a0 REVOCACION DIRECTA DE ACTO ADMINISTRATIVO PARTICULAR Y CONCRETO-Procedencia de los que resulten de aplicaci\u00f3n del silencio administrativo positivo y que autoridad no puede simplemente sospechar la ilegalidad \u00a0 REVOCACION DIRECTA DE ACTO ADMINISTRATIVO PARTICULAR Y CONCRETO-Actuaciones ilegales o fraudulentas \u00a0 DEBIDO PROCESO ADMINISTRATIVO-Revocaci\u00f3n unilateral de acto que reconoce situaci\u00f3n particular y ...<br \/><div class=\"pt-cv-rmwrap\"><a href=\"https:\/\/www.dmsjuridica.com\/buscador_20179478954\/corteconstitucionalcronologico202454587\/t-276-00\/\" class=\"_self pt-cv-readmore btn btn-success\" target=\"_self\">Ver Sentencia Completa...<\/a><\/div><\/div><\/div><\/div>\n<div class=\"col-md-12 col-sm-12 col-xs-12 pt-cv-content-item pt-cv-1-col\" ><div class='pt-cv-ifield'><a href=\"https:\/\/www.dmsjuridica.com\/buscador_20179478954\/corteconstitucionalcronologico202454587\/t-275-00\/\" class=\"_self pt-cv-href-thumbnail pt-cv-thumb-default\" target=\"_self\" ><\/a>\n<div class=\"pt-cv-taxoterm above_title\"><a href='https:\/\/www.dmsjuridica.com\/buscador_20179478954\/corteconstitucionalcronologico202454587\/category\/buscar-en-toda-la-corte\/2000\/tutelas-2000\/' title='Tutelas 2000' class='pt-cv-tax-tutelas-2000'>Tutelas 2000<\/a><\/div>\n<h4 class=\"pt-cv-title\"><a href=\"https:\/\/www.dmsjuridica.com\/buscador_20179478954\/corteconstitucionalcronologico202454587\/t-275-00\/\" class=\"_self\" target=\"_self\" >T-275-00<\/a><\/h4>\n<div class=\"pt-cv-content\">\u00a0 \u00a0 Sentencia T-275\/00 \u00a0 MEDIO DE DEFENSA JUDICIAL-Controversias relacionadas con la aplicaci\u00f3n de normas legales \u00a0 SUBSIDIO DE VIVIENDA-Solicitud y aprobaci\u00f3n con anterioridad al nuevo r\u00e9gimen \u00a0 INFORMES EN REVISION DE TUTELA-No suministro por el accionante pese a utilizaci\u00f3n de poderes oficiosos \u00a0 DEMANDA DE TUTELA-M\u00ednimo de diligencia procesal del accionante \u00a0 Referencia: expediente T-237580 \u00a0 Acci\u00f3n de tutela instaurada por Luis Humberto Rodr\u00edguez Corrales contra la Caja Colombiana de Subsidio Familiar - COLSUBSIDIO - \u00a0 Magistrado Ponente:\u00a0 \u00a0 Dr. EDUARDO CIFUENTES MU\u00d1OZ \u00a0 Santaf\u00e9 de Bogot\u00e1, D.C., marzo nueve (9) de dos mil (2000) \u00a0 La Sala Tercera ...<br \/><div class=\"pt-cv-rmwrap\"><a href=\"https:\/\/www.dmsjuridica.com\/buscador_20179478954\/corteconstitucionalcronologico202454587\/t-275-00\/\" class=\"_self pt-cv-readmore btn btn-success\" target=\"_self\">Ver Sentencia Completa...<\/a><\/div><\/div><\/div><\/div>\n<div class=\"col-md-12 col-sm-12 col-xs-12 pt-cv-content-item pt-cv-1-col\" ><div class='pt-cv-ifield'><a href=\"https:\/\/www.dmsjuridica.com\/buscador_20179478954\/corteconstitucionalcronologico202454587\/t-274-00\/\" class=\"_self pt-cv-href-thumbnail pt-cv-thumb-default\" target=\"_self\" ><\/a>\n<div class=\"pt-cv-taxoterm above_title\"><a href='https:\/\/www.dmsjuridica.com\/buscador_20179478954\/corteconstitucionalcronologico202454587\/category\/buscar-en-toda-la-corte\/2000\/tutelas-2000\/' title='Tutelas 2000' class='pt-cv-tax-tutelas-2000'>Tutelas 2000<\/a><\/div>\n<h4 class=\"pt-cv-title\"><a href=\"https:\/\/www.dmsjuridica.com\/buscador_20179478954\/corteconstitucionalcronologico202454587\/t-274-00\/\" class=\"_self\" target=\"_self\" >T-274-00<\/a><\/h4>\n<div class=\"pt-cv-content\">\u00a0 \u00a0 Sentencia T-274\/00 \u00a0 COOPERATIVA-Negativa de desafiliaci\u00f3n y reintegro de aportes \u00a0 ACCION DE TUTELA-Procedencia sobre controversias por decisiones de \u00f3rgano directivo de Cooperativa que afecta derecho fundamental \u00a0 DERECHO DE ASOCIACION NEGATIVA-Condicionamiento de retiro de socios a no afectaci\u00f3n de aportes sociales m\u00ednimos e irreductibles ni reducci\u00f3n de n\u00famero m\u00ednimo de asociados \u00a0 DERECHO DE ASOCIACION NEGATIVA EN COOPERATIVA-Protecci\u00f3n \u00a0 COOPERATIVA-Desafiliaci\u00f3n en el momento que se desee\/DERECHO DE ASOCIACION NEGATIVA-Reducci\u00f3n de m\u00ednimo de asociados \u00a0 DERECHO DE ASOCIACION NEGATIVA-Obligaciones pendientes y compensaci\u00f3n con acreencias\u00a0 \u00a0 DERECHO DE PETICION NEGATIVA-Disminuci\u00f3n del monto de aportes sociales irreductibles \u00a0 COOPERATIVA-N\u00famero m\u00ednimo ...<br \/><div class=\"pt-cv-rmwrap\"><a href=\"https:\/\/www.dmsjuridica.com\/buscador_20179478954\/corteconstitucionalcronologico202454587\/t-274-00\/\" class=\"_self pt-cv-readmore btn btn-success\" target=\"_self\">Ver Sentencia Completa...<\/a><\/div><\/div><\/div><\/div>\n<div class=\"col-md-12 col-sm-12 col-xs-12 pt-cv-content-item pt-cv-1-col\" ><div class='pt-cv-ifield'><a href=\"https:\/\/www.dmsjuridica.com\/buscador_20179478954\/corteconstitucionalcronologico202454587\/t-268-00\/\" class=\"_self pt-cv-href-thumbnail pt-cv-thumb-default\" target=\"_self\" ><\/a>\n<div class=\"pt-cv-taxoterm above_title\"><a href='https:\/\/www.dmsjuridica.com\/buscador_20179478954\/corteconstitucionalcronologico202454587\/category\/buscar-en-toda-la-corte\/2000\/tutelas-2000\/' title='Tutelas 2000' class='pt-cv-tax-tutelas-2000'>Tutelas 2000<\/a><\/div>\n<h4 class=\"pt-cv-title\"><a href=\"https:\/\/www.dmsjuridica.com\/buscador_20179478954\/corteconstitucionalcronologico202454587\/t-268-00\/\" class=\"_self\" target=\"_self\" >T-268-00<\/a><\/h4>\n<div class=\"pt-cv-content\">\u00a0 \u00a0 Sentencia T-268\/00 \u00a0 PLURALISMO-Diferentes opciones de vida \u00a0 LIBERTAD EN MATERIA DE OPCIONES VITALES-Inclinaci\u00f3n sexual diversa\/HOMOSEXUALIDAD-Protecci\u00f3n diversa \u00a0 HOMOSEXUALIDAD-Derechos constitucionales que garantizan trato justo, respetuoso y tolerante \u00a0 DIVERSIDAD SEXUAL-Protecci\u00f3n constitucional\/DIVERSIDAD SEXUAL-Papel del Estado \u00a0 Dentro del \u00e1mbito de la autonom\u00eda personal, la diversidad sexual est\u00e1 claramente protegida por la Constituci\u00f3n, precisamente porque la Carta, sin duda alguna, aspira a ser un marco jur\u00eddico en el cual puedan \"coexistir las mas diversas formas de vida humana\". Debe entenderse que la sexualidad, es un \u00e1mbito fundamental de la vida humana que compromete no s\u00f3lo la esfera m\u00e1s \u00edntima y ...<br \/><div class=\"pt-cv-rmwrap\"><a href=\"https:\/\/www.dmsjuridica.com\/buscador_20179478954\/corteconstitucionalcronologico202454587\/t-268-00\/\" class=\"_self pt-cv-readmore btn btn-success\" target=\"_self\">Ver Sentencia Completa...<\/a><\/div><\/div><\/div><\/div>\n<div class=\"col-md-12 col-sm-12 col-xs-12 pt-cv-content-item pt-cv-1-col\" ><div class='pt-cv-ifield'><a href=\"https:\/\/www.dmsjuridica.com\/buscador_20179478954\/corteconstitucionalcronologico202454587\/t-267-00\/\" class=\"_self pt-cv-href-thumbnail pt-cv-thumb-default\" target=\"_self\" ><\/a>\n<div class=\"pt-cv-taxoterm above_title\"><a href='https:\/\/www.dmsjuridica.com\/buscador_20179478954\/corteconstitucionalcronologico202454587\/category\/buscar-en-toda-la-corte\/2000\/tutelas-2000\/' title='Tutelas 2000' class='pt-cv-tax-tutelas-2000'>Tutelas 2000<\/a><\/div>\n<h4 class=\"pt-cv-title\"><a href=\"https:\/\/www.dmsjuridica.com\/buscador_20179478954\/corteconstitucionalcronologico202454587\/t-267-00\/\" class=\"_self\" target=\"_self\" >T-267-00<\/a><\/h4>\n<div class=\"pt-cv-content\">\u00a0 \u00a0 Sentencia T-267\/00 \u00a0 ORDEN JUSTO-Arbitrariedad \u00a0 DEBIDO PROCESO-No toda irregularidad constituye violaci\u00f3n \u00a0 En materia constitucional, no toda irregularidad se puede calificar como violaci\u00f3n al debido proceso, sino que \u00e9ste se afecta cuando hay privaci\u00f3n o limitaci\u00f3n \u00a0del derecho de defensa, que se produce en virtud de concretos actos de los \u00f3rganos jurisdiccionales que entra\u00f1a mengua del derecho de intervenir en el proceso en que se ventilan intereses al sujeto, respecto de los cuales las decisiones judiciales han de suponer modificaci\u00f3n de una situaci\u00f3n jur\u00eddica individualizada. Si bien es cierto \"toda clase de actuaciones judiciales\", pueden acarrear una ...<br \/><div class=\"pt-cv-rmwrap\"><a href=\"https:\/\/www.dmsjuridica.com\/buscador_20179478954\/corteconstitucionalcronologico202454587\/t-267-00\/\" class=\"_self pt-cv-readmore btn btn-success\" target=\"_self\">Ver Sentencia Completa...<\/a><\/div><\/div><\/div><\/div>\n<div class=\"col-md-12 col-sm-12 col-xs-12 pt-cv-content-item pt-cv-1-col\" ><div class='pt-cv-ifield'><a href=\"https:\/\/www.dmsjuridica.com\/buscador_20179478954\/corteconstitucionalcronologico202454587\/t-266-00\/\" class=\"_self pt-cv-href-thumbnail pt-cv-thumb-default\" target=\"_self\" ><\/a>\n<div class=\"pt-cv-taxoterm above_title\"><a href='https:\/\/www.dmsjuridica.com\/buscador_20179478954\/corteconstitucionalcronologico202454587\/category\/buscar-en-toda-la-corte\/2000\/tutelas-2000\/' title='Tutelas 2000' class='pt-cv-tax-tutelas-2000'>Tutelas 2000<\/a><\/div>\n<h4 class=\"pt-cv-title\"><a href=\"https:\/\/www.dmsjuridica.com\/buscador_20179478954\/corteconstitucionalcronologico202454587\/t-266-00\/\" class=\"_self\" target=\"_self\" >T-266-00<\/a><\/h4>\n<div class=\"pt-cv-content\">\u00a0 \u00a0 Sentencia T-266\/00 \u00a0 ACCION DE TUTELA-Procedencia excepcional pago de acreencias laborales \u00a0 DERECHO AL MINIMO VITAL DEL TRABAJADOR-Pago oportuno de salarios \u00a0 DERECHO AL PAGO OPORTUNO DEL SALARIO-Fundamental \u00a0 MUNICIPIO-Situaci\u00f3n econ\u00f3mica o presupuestal no es \u00f3bice para desconocer obligaciones laborales \u00a0 DERECHO AL TRABAJO EN CONDICIONES DIGNAS Y JUSTAS-Reducci\u00f3n de salarios\/DERECHO A LA IGUALDAD-Reducci\u00f3n de salarios de docentes \u00a0 MEDIO DE DEFENSA JUDICIAL-Demanda de acuerdo de Concejo Municipal que dispuso reducci\u00f3n de salarios \u00a0 ACCION \u00a0DE TUTELA TRANSITORIA DEL DERECHO AL MINIMO VITAL DEL TRABAJADOR-Reintegro de sumas de dinero producto de reducci\u00f3n del salario \u00a0 INAPLICACION DE ACUERDO ...<br \/><div class=\"pt-cv-rmwrap\"><a href=\"https:\/\/www.dmsjuridica.com\/buscador_20179478954\/corteconstitucionalcronologico202454587\/t-266-00\/\" class=\"_self pt-cv-readmore btn btn-success\" target=\"_self\">Ver Sentencia Completa...<\/a><\/div><\/div><\/div><\/div>\n<div class=\"col-md-12 col-sm-12 col-xs-12 pt-cv-content-item pt-cv-1-col\" ><div class='pt-cv-ifield'><a href=\"https:\/\/www.dmsjuridica.com\/buscador_20179478954\/corteconstitucionalcronologico202454587\/t-265-00\/\" class=\"_self pt-cv-href-thumbnail pt-cv-thumb-default\" target=\"_self\" ><\/a>\n<div class=\"pt-cv-taxoterm above_title\"><a href='https:\/\/www.dmsjuridica.com\/buscador_20179478954\/corteconstitucionalcronologico202454587\/category\/buscar-en-toda-la-corte\/2000\/tutelas-2000\/' title='Tutelas 2000' class='pt-cv-tax-tutelas-2000'>Tutelas 2000<\/a><\/div>\n<h4 class=\"pt-cv-title\"><a href=\"https:\/\/www.dmsjuridica.com\/buscador_20179478954\/corteconstitucionalcronologico202454587\/t-265-00\/\" class=\"_self\" target=\"_self\" >T-265-00<\/a><\/h4>\n<div class=\"pt-cv-content\">\u00a0 \u00a0 Sentencia T-265\/00 \u00a0 ACCION DE TUTELA-Procedencia excepcional pago de acreencias laborales \u00a0 Referencia: expediente T-259985 \u00a0 Acci\u00f3n de tutela incoada por Ursino Infante Mart\u00ednez y otros contra el Alcalde Municipal de Puerto Wilches. \u00a0 Magistrado Ponente: \u00a0 Dr. JOS\u00c9 GREGORIO HERN\u00c1NDEZ GALINDO\u00a0 \u00a0 Santa Fe de Bogot\u00e1, D.C., seis (6) de marzo de dos mil (2000). \u00a0 La Sala Quinta de Revisi\u00f3n de la Corte Constitucional, en ejercicio de sus competencias constitucionales y legales, espec\u00edficamente las previstas en los art\u00edculos 86 y 241, numeral 9, de la Constituci\u00f3n Pol\u00edtica y en el Decreto 2591 de 1991, ha proferido ...<br \/><div class=\"pt-cv-rmwrap\"><a href=\"https:\/\/www.dmsjuridica.com\/buscador_20179478954\/corteconstitucionalcronologico202454587\/t-265-00\/\" class=\"_self pt-cv-readmore btn btn-success\" target=\"_self\">Ver Sentencia Completa...<\/a><\/div><\/div><\/div><\/div>\n<div class=\"col-md-12 col-sm-12 col-xs-12 pt-cv-content-item pt-cv-1-col\" ><div class='pt-cv-ifield'><a href=\"https:\/\/www.dmsjuridica.com\/buscador_20179478954\/corteconstitucionalcronologico202454587\/t-264-00\/\" class=\"_self pt-cv-href-thumbnail pt-cv-thumb-default\" target=\"_self\" ><\/a>\n<div class=\"pt-cv-taxoterm above_title\"><a href='https:\/\/www.dmsjuridica.com\/buscador_20179478954\/corteconstitucionalcronologico202454587\/category\/buscar-en-toda-la-corte\/2000\/tutelas-2000\/' title='Tutelas 2000' class='pt-cv-tax-tutelas-2000'>Tutelas 2000<\/a><\/div>\n<h4 class=\"pt-cv-title\"><a href=\"https:\/\/www.dmsjuridica.com\/buscador_20179478954\/corteconstitucionalcronologico202454587\/t-264-00\/\" class=\"_self\" target=\"_self\" >T-264-00<\/a><\/h4>\n<div class=\"pt-cv-content\">\u00a0 \u00a0 Sentencia T-264\/00 \u00a0 ACCION DE TUTELA-Procedencia excepcional pago de acreencias laborales \u00a0 DERECHO AL MINIMO VITAL DEL PENSIONADO-Pago oportuno de mesadas \u00a0 DERECHO AL MINIMO VITAL DE PERSONA DE LA TERCERA EDAD-Pago oportuno de mesadas pensionales \u00a0 Referencia: expediente T-259763 \u00a0 Acci\u00f3n de tutela instaurada por Miguel Londo\u00f1o Hern\u00e1ndez contra el Alcalde del Municipio de Tarso. \u00a0 Magistrado Ponente: \u00a0 Dr. JOS\u00c9 GREGORIO HERN\u00c1NDEZ GALINDO \u00a0 Aprobada en Santa Fe de Bogot\u00e1, D.C., seis (6) de marzo de dos mil (2000). \u00a0 La Sala Quinta de Revisi\u00f3n de la Corte Constitucional, en ejercicio de sus competencias constitucionales y ...<br \/><div class=\"pt-cv-rmwrap\"><a href=\"https:\/\/www.dmsjuridica.com\/buscador_20179478954\/corteconstitucionalcronologico202454587\/t-264-00\/\" class=\"_self pt-cv-readmore btn btn-success\" target=\"_self\">Ver Sentencia Completa...<\/a><\/div><\/div><\/div><\/div>\n<div class=\"col-md-12 col-sm-12 col-xs-12 pt-cv-content-item pt-cv-1-col\" ><div class='pt-cv-ifield'><a href=\"https:\/\/www.dmsjuridica.com\/buscador_20179478954\/corteconstitucionalcronologico202454587\/t-263-00\/\" class=\"_self pt-cv-href-thumbnail pt-cv-thumb-default\" target=\"_self\" ><\/a>\n<div class=\"pt-cv-taxoterm above_title\"><a href='https:\/\/www.dmsjuridica.com\/buscador_20179478954\/corteconstitucionalcronologico202454587\/category\/buscar-en-toda-la-corte\/2000\/tutelas-2000\/' title='Tutelas 2000' class='pt-cv-tax-tutelas-2000'>Tutelas 2000<\/a><\/div>\n<h4 class=\"pt-cv-title\"><a href=\"https:\/\/www.dmsjuridica.com\/buscador_20179478954\/corteconstitucionalcronologico202454587\/t-263-00\/\" class=\"_self\" target=\"_self\" >T-263-00<\/a><\/h4>\n<div class=\"pt-cv-content\">\u00a0 \u00a0 Sentencia T-263\/00 \u00a0 ACCION DE TUTELA-Procedencia excepcional pago de acreencias laborales \u00a0 DERECHO AL MINIMO VITAL EN SUSTITUCION PENSIONAL-Pago oportuno de mesadas \u00a0 ESTADO-Deber de garantizar pago oportuno de pensiones \u00a0 SUSTITUCION PENSIONAL DE COMPA\u00d1ERA PERMANENTE-Revocaci\u00f3n sin consentimiento expreso y escrito del titular \u00a0 Referencia: expediente T-259710 \u00a0 Acci\u00f3n de tutela incoada por Yenny Caicedo Franco, a nombre de sus hijos menores Yuleiny, Diego Andr\u00e9s y Johanna Arboleda Caicedo, contra Empresas P\u00fablicas Municipales de Buenaventura. \u00a0 Magistrado Ponente: \u00a0 Dr. JOS\u00c9 GREGORIO HERN\u00c1NDEZ GALINDO\u00a0 \u00a0 Santa Fe de Bogot\u00e1, D.C., seis (6) de marzo de dos mil (2000) ...<br \/><div class=\"pt-cv-rmwrap\"><a href=\"https:\/\/www.dmsjuridica.com\/buscador_20179478954\/corteconstitucionalcronologico202454587\/t-263-00\/\" class=\"_self pt-cv-readmore btn btn-success\" target=\"_self\">Ver Sentencia Completa...<\/a><\/div><\/div><\/div><\/div>\n<div class=\"col-md-12 col-sm-12 col-xs-12 pt-cv-content-item pt-cv-1-col\" ><div class='pt-cv-ifield'><a href=\"https:\/\/www.dmsjuridica.com\/buscador_20179478954\/corteconstitucionalcronologico202454587\/t-262-00\/\" class=\"_self pt-cv-href-thumbnail pt-cv-thumb-default\" target=\"_self\" ><\/a>\n<div class=\"pt-cv-taxoterm above_title\"><a href='https:\/\/www.dmsjuridica.com\/buscador_20179478954\/corteconstitucionalcronologico202454587\/category\/buscar-en-toda-la-corte\/2000\/tutelas-2000\/' title='Tutelas 2000' class='pt-cv-tax-tutelas-2000'>Tutelas 2000<\/a><\/div>\n<h4 class=\"pt-cv-title\"><a href=\"https:\/\/www.dmsjuridica.com\/buscador_20179478954\/corteconstitucionalcronologico202454587\/t-262-00\/\" class=\"_self\" target=\"_self\" >T-262-00<\/a><\/h4>\n<div class=\"pt-cv-content\">\u00a0 \u00a0 Sentencia T-262\/00 \u00a0 PRINCIPIO DE CONTINUIDAD EN EL SERVICIO DE SALUD-Desorganizaci\u00f3n de archivos, desconocimiento particular de los afiliados e interrupci\u00f3n y dilaci\u00f3n de tratamientos e intervenciones \u00a0 SERVICIO PUBLICO DE SALUD-Demostraci\u00f3n calidad de beneficiario de cotizante \u00a0 ACCION DE TUTELA-Hecho superado \u00a0 Referencia: expediente T-259577 \u00a0 Acci\u00f3n de tutela instaurada por Edwin Alexis Cort\u00e9s Restrepo contra el Seguro Social, Seccional Antioquia. \u00a0 Magistrado Ponente: \u00a0 Dr. JOS\u00c9 GREGORIO HERN\u00c1NDEZ GALINDO \u00a0 Santa Fe de Bogot\u00e1, D.C., seis (6) de marzo de (2000). \u00a0 La Sala Quinta de Revisi\u00f3n de la Corte Constitucional, en ejercicio de sus competencias constitucionales ...<br \/><div class=\"pt-cv-rmwrap\"><a href=\"https:\/\/www.dmsjuridica.com\/buscador_20179478954\/corteconstitucionalcronologico202454587\/t-262-00\/\" class=\"_self pt-cv-readmore btn btn-success\" target=\"_self\">Ver Sentencia Completa...<\/a><\/div><\/div><\/div><\/div>\n<div class=\"col-md-12 col-sm-12 col-xs-12 pt-cv-content-item pt-cv-1-col\" ><div class='pt-cv-ifield'><a href=\"https:\/\/www.dmsjuridica.com\/buscador_20179478954\/corteconstitucionalcronologico202454587\/t-261-00\/\" class=\"_self pt-cv-href-thumbnail pt-cv-thumb-default\" target=\"_self\" ><\/a>\n<div class=\"pt-cv-taxoterm above_title\"><a href='https:\/\/www.dmsjuridica.com\/buscador_20179478954\/corteconstitucionalcronologico202454587\/category\/buscar-en-toda-la-corte\/2000\/tutelas-2000\/' title='Tutelas 2000' class='pt-cv-tax-tutelas-2000'>Tutelas 2000<\/a><\/div>\n<h4 class=\"pt-cv-title\"><a href=\"https:\/\/www.dmsjuridica.com\/buscador_20179478954\/corteconstitucionalcronologico202454587\/t-261-00\/\" class=\"_self\" target=\"_self\" >T-261-00<\/a><\/h4>\n<div class=\"pt-cv-content\">\u00a0 \u00a0 Sentencia T-261\/00 \u00a0 DERECHO AL TRABAJO EN CONDICIONES DIGNAS Y JUSTAS-Fundamental\/DERECHO AL TRABAJO EN CONDICIONES DIGNAS Y JUSTAS-Pago oportuno y completo de salarios \u00a0 DERECHO AL MINIMO VITAL DEL TRABAJADOR-Pago oportuno de salarios\/PROCESO DE LIQUIDACION OBLIGATORIA-Pago oportuno y completo de salarios, prestaciones sociales y seguridad social \u00a0 PROCESO DE LIQUIDACION OBLIGATORIA-Pago preferente de salarios \u00a0 Referencia: expediente T-259562 \u00a0 Acci\u00f3n de tutela incoada por Luis Albeiro Ocampo Vanegas y otros contra \"Fivres Ltda\". \u00a0 Magistrado Ponente: \u00a0 Dr. JOS\u00c9 GREGORIO HERN\u00c1NDEZ GALINDO\u00a0 \u00a0 Santa Fe de Bogot\u00e1, D.C., seis (6) de marzo de dos mil (2000). \u00a0 La ...<br \/><div class=\"pt-cv-rmwrap\"><a href=\"https:\/\/www.dmsjuridica.com\/buscador_20179478954\/corteconstitucionalcronologico202454587\/t-261-00\/\" class=\"_self pt-cv-readmore btn btn-success\" target=\"_self\">Ver Sentencia Completa...<\/a><\/div><\/div><\/div><\/div>\n<div class=\"col-md-12 col-sm-12 col-xs-12 pt-cv-content-item pt-cv-1-col\" ><div class='pt-cv-ifield'><a href=\"https:\/\/www.dmsjuridica.com\/buscador_20179478954\/corteconstitucionalcronologico202454587\/t-260-00\/\" class=\"_self pt-cv-href-thumbnail pt-cv-thumb-default\" target=\"_self\" ><\/a>\n<div class=\"pt-cv-taxoterm above_title\"><a href='https:\/\/www.dmsjuridica.com\/buscador_20179478954\/corteconstitucionalcronologico202454587\/category\/buscar-en-toda-la-corte\/2000\/tutelas-2000\/' title='Tutelas 2000' class='pt-cv-tax-tutelas-2000'>Tutelas 2000<\/a><\/div>\n<h4 class=\"pt-cv-title\"><a href=\"https:\/\/www.dmsjuridica.com\/buscador_20179478954\/corteconstitucionalcronologico202454587\/t-260-00\/\" class=\"_self\" target=\"_self\" >T-260-00<\/a><\/h4>\n<div class=\"pt-cv-content\">\u00a0 \u00a0 Sentencia T-260\/00 \u00a0 DERECHO AL MINIMO VITAL DEL PENSIONADO-Mesada adicional \u00a0 DERECHO AL MINIMO VITAL DEL PENSIONADO-Pago oportuno de mesadas \u00a0 Referencia: \u00a0expedientes \u00a0 acumulados \u00a0 T-254252 \u00a0y T-258248 \u00a0 Acciones de tutela incoadas por Jos\u00e9 Concepci\u00f3n Manrique y Alfonso Londo\u00f1o Lozano contra el Gobernador del Tolima, el Secretario de Hacienda y el Tesorero General del mismo Departamento. \u00a0 Magistrado Ponente: \u00a0 Dr. JOS\u00c9 GREGORIO HERN\u00c1NDEZ GALINDO\u00a0 \u00a0 Santa Fe de Bogot\u00e1, D.C., seis (6) de marzo de dos mil (2000). \u00a0 La Sala Quinta de Revisi\u00f3n de la Corte Constitucional, en ejercicio de sus competencias constitucionales y ...<br \/><div class=\"pt-cv-rmwrap\"><a href=\"https:\/\/www.dmsjuridica.com\/buscador_20179478954\/corteconstitucionalcronologico202454587\/t-260-00\/\" class=\"_self pt-cv-readmore btn btn-success\" target=\"_self\">Ver Sentencia Completa...<\/a><\/div><\/div><\/div><\/div>\n<div class=\"col-md-12 col-sm-12 col-xs-12 pt-cv-content-item pt-cv-1-col\" ><div class='pt-cv-ifield'><a href=\"https:\/\/www.dmsjuridica.com\/buscador_20179478954\/corteconstitucionalcronologico202454587\/t-259-00\/\" class=\"_self pt-cv-href-thumbnail pt-cv-thumb-default\" target=\"_self\" ><\/a>\n<div class=\"pt-cv-taxoterm above_title\"><a href='https:\/\/www.dmsjuridica.com\/buscador_20179478954\/corteconstitucionalcronologico202454587\/category\/buscar-en-toda-la-corte\/2000\/tutelas-2000\/' title='Tutelas 2000' class='pt-cv-tax-tutelas-2000'>Tutelas 2000<\/a><\/div>\n<h4 class=\"pt-cv-title\"><a href=\"https:\/\/www.dmsjuridica.com\/buscador_20179478954\/corteconstitucionalcronologico202454587\/t-259-00\/\" class=\"_self\" target=\"_self\" >T-259-00<\/a><\/h4>\n<div class=\"pt-cv-content\">\u00a0 \u00a0 Sentencia T-259\/00 \u00a0 DECISION JUDICIAL-Motivaci\u00f3n \u00a0 FALLO DE TUTELA-Fundamentaci\u00f3n \u00a0 ADMINISTRADORA DE RIESGOS PROFESIONALES-Mora en aportes \u00a0 EMPLEADOR-Asunci\u00f3n de responsabilidad por no pago de aportes en riesgos profesionales \u00a0 FALTA DE LEGITIMACION POR PASIVA EN TUTELA-Aplicaci\u00f3n \u00a0 Referencia: expediente T-259426 \u00a0 Acci\u00f3n de tutela incoada por Gustavo Narv\u00e1ez contra el Seguro Social \u00a0 Magistrado Ponente: \u00a0 Dr. JOS\u00c9 GREGORIO HERN\u00c1NDEZ GALINDO\u00a0 \u00a0 Santa Fe de Bogot\u00e1, D.C., seis (6) de marzo de dos mil (2000). \u00a0 La Sala Quinta de Revisi\u00f3n de la Corte Constitucional, en ejercicio de sus competencias constitucionales y legales, espec\u00edficamente las previstas en los ...<br \/><div class=\"pt-cv-rmwrap\"><a href=\"https:\/\/www.dmsjuridica.com\/buscador_20179478954\/corteconstitucionalcronologico202454587\/t-259-00\/\" class=\"_self pt-cv-readmore btn btn-success\" target=\"_self\">Ver Sentencia Completa...<\/a><\/div><\/div><\/div><\/div>\n<div class=\"col-md-12 col-sm-12 col-xs-12 pt-cv-content-item pt-cv-1-col\" ><div class='pt-cv-ifield'><a href=\"https:\/\/www.dmsjuridica.com\/buscador_20179478954\/corteconstitucionalcronologico202454587\/t-258-00\/\" class=\"_self pt-cv-href-thumbnail pt-cv-thumb-default\" target=\"_self\" ><\/a>\n<div class=\"pt-cv-taxoterm above_title\"><a href='https:\/\/www.dmsjuridica.com\/buscador_20179478954\/corteconstitucionalcronologico202454587\/category\/buscar-en-toda-la-corte\/2000\/tutelas-2000\/' title='Tutelas 2000' class='pt-cv-tax-tutelas-2000'>Tutelas 2000<\/a><\/div>\n<h4 class=\"pt-cv-title\"><a href=\"https:\/\/www.dmsjuridica.com\/buscador_20179478954\/corteconstitucionalcronologico202454587\/t-258-00\/\" class=\"_self\" target=\"_self\" >T-258-00<\/a><\/h4>\n<div class=\"pt-cv-content\">\u00a0 \u00a0 Sentencia T-258\/00 \u00a0 LICENCIA DE MATERNIDAD-Pago por tutela cuando se est\u00e1 ante el m\u00ednimo vital\/DERECHO A LA VIDA DIGNA-Pago oportuno de licencia de maternidad \u00a0 Aunque en principio no cabe la tutela para obtener el pago de sumas debidas por causa de una relaci\u00f3n laboral, ello es posible si est\u00e1 comprendido, como en este caso, el m\u00ednimo vital del accionante. Con mayor raz\u00f3n cabe el amparo si, como consecuencia de la falta de pago de salarios est\u00e1n afectados derechos b\u00e1sicos de menores, por depender su subsistencia de tales ingresos. En el caso de las licencias de maternidad, se ...<br \/><div class=\"pt-cv-rmwrap\"><a href=\"https:\/\/www.dmsjuridica.com\/buscador_20179478954\/corteconstitucionalcronologico202454587\/t-258-00\/\" class=\"_self pt-cv-readmore btn btn-success\" target=\"_self\">Ver Sentencia Completa...<\/a><\/div><\/div><\/div><\/div>\n<div class=\"col-md-12 col-sm-12 col-xs-12 pt-cv-content-item pt-cv-1-col\" ><div class='pt-cv-ifield'><a href=\"https:\/\/www.dmsjuridica.com\/buscador_20179478954\/corteconstitucionalcronologico202454587\/t-257-00\/\" class=\"_self pt-cv-href-thumbnail pt-cv-thumb-default\" target=\"_self\" ><\/a>\n<div class=\"pt-cv-taxoterm above_title\"><a href='https:\/\/www.dmsjuridica.com\/buscador_20179478954\/corteconstitucionalcronologico202454587\/category\/buscar-en-toda-la-corte\/2000\/tutelas-2000\/' title='Tutelas 2000' class='pt-cv-tax-tutelas-2000'>Tutelas 2000<\/a><\/div>\n<h4 class=\"pt-cv-title\"><a href=\"https:\/\/www.dmsjuridica.com\/buscador_20179478954\/corteconstitucionalcronologico202454587\/t-257-00\/\" class=\"_self\" target=\"_self\" >T-257-00<\/a><\/h4>\n<div class=\"pt-cv-content\">\u00a0 \u00a0 Sentencia T-257\/00 \u00a0 DERECHOS FUNDAMENTALES DEL INTERNO-Obligaciones correlativas del Estado \u00a0 ESTABLECIMIENTO CARCELARIO-Hacinamiento \u00a0 ESTADO DE COSAS INCONSTITUCIONAL EN ESTABLECIMIENTO CARCELARIO-Hacinamiento \u00a0 DERECHO A LA SALUD DEL INTERNO-Preservaci\u00f3n por el Estado \u00a0 INSTITUTO NACIONAL PENITENCIARIO Y CARCELARIO-Constituci\u00f3n de r\u00e9gimen subsidiado en salud para reclusos \u00a0 SISTEMA DE SEGURIDAD SOCIAL EN SALUD PARA INTERNO-Contrataci\u00f3n de r\u00e9gimen subsidiado \u00a0 Referencia: expediente T-259279 \u00a0 Acci\u00f3n de tutela instaurada por Jos\u00e9 Ignacio S\u00e1nchez Gil contra el Director de la C\u00e1rcel Distrital \"Bellavista\" de Medell\u00edn. \u00a0 Magistrado Ponente: \u00a0 Dr. JOS\u00c9 GREGORIO HERN\u00c1NDEZ GALINDO \u00a0 Santa Fe de Bogot\u00e1, D.C., seis (6) de ...<br \/><div class=\"pt-cv-rmwrap\"><a href=\"https:\/\/www.dmsjuridica.com\/buscador_20179478954\/corteconstitucionalcronologico202454587\/t-257-00\/\" class=\"_self pt-cv-readmore btn btn-success\" target=\"_self\">Ver Sentencia Completa...<\/a><\/div><\/div><\/div><\/div>\n<div class=\"col-md-12 col-sm-12 col-xs-12 pt-cv-content-item pt-cv-1-col\" ><div class='pt-cv-ifield'><a href=\"https:\/\/www.dmsjuridica.com\/buscador_20179478954\/corteconstitucionalcronologico202454587\/t-256-00\/\" class=\"_self pt-cv-href-thumbnail pt-cv-thumb-default\" target=\"_self\" ><\/a>\n<div class=\"pt-cv-taxoterm above_title\"><a href='https:\/\/www.dmsjuridica.com\/buscador_20179478954\/corteconstitucionalcronologico202454587\/category\/buscar-en-toda-la-corte\/2000\/tutelas-2000\/' title='Tutelas 2000' class='pt-cv-tax-tutelas-2000'>Tutelas 2000<\/a><\/div>\n<h4 class=\"pt-cv-title\"><a href=\"https:\/\/www.dmsjuridica.com\/buscador_20179478954\/corteconstitucionalcronologico202454587\/t-256-00\/\" class=\"_self\" target=\"_self\" >T-256-00<\/a><\/h4>\n<div class=\"pt-cv-content\">\u00a0 \u00a0 Sentencia T-256\/00 \u00a0 DERECHOS FUNDAMENTALES DEL INTERNO-Condiciones m\u00ednimas de higiene, salubridad y comodidad \u00a0 El recluso, aunque tiene limitados o restringidos algunos de sus derechos b\u00e1sicos -como la libertad personal- conserva los dem\u00e1s, garantizados en la Constituci\u00f3n y en los tratados internacionales, lo que implica a la vez la posibilidad de reclamar ante los jueces, por la v\u00eda de la tutela, que les sean respetados. Estos derechos suponen un trato acorde con la naturaleza humana, y que, en el establecimiento carcelario, se brinden condiciones m\u00ednimas de higiene, salubridad y comodidad, de modo que el detenido, aun habiendo perdido ...<br \/><div class=\"pt-cv-rmwrap\"><a href=\"https:\/\/www.dmsjuridica.com\/buscador_20179478954\/corteconstitucionalcronologico202454587\/t-256-00\/\" class=\"_self pt-cv-readmore btn btn-success\" target=\"_self\">Ver Sentencia Completa...<\/a><\/div><\/div><\/div><\/div>\n<div class=\"col-md-12 col-sm-12 col-xs-12 pt-cv-content-item pt-cv-1-col\" ><div class='pt-cv-ifield'><a href=\"https:\/\/www.dmsjuridica.com\/buscador_20179478954\/corteconstitucionalcronologico202454587\/t-255-00\/\" class=\"_self pt-cv-href-thumbnail pt-cv-thumb-default\" target=\"_self\" ><\/a>\n<div class=\"pt-cv-taxoterm above_title\"><a href='https:\/\/www.dmsjuridica.com\/buscador_20179478954\/corteconstitucionalcronologico202454587\/category\/buscar-en-toda-la-corte\/2000\/tutelas-2000\/' title='Tutelas 2000' class='pt-cv-tax-tutelas-2000'>Tutelas 2000<\/a><\/div>\n<h4 class=\"pt-cv-title\"><a href=\"https:\/\/www.dmsjuridica.com\/buscador_20179478954\/corteconstitucionalcronologico202454587\/t-255-00\/\" class=\"_self\" target=\"_self\" >T-255-00<\/a><\/h4>\n<div class=\"pt-cv-content\">\u00a0 \u00a0 Sentencia T-255\/00 \u00a0 ACCION DE TUTELA-Procedencia excepcional pago de acreencias laborales \u00a0 DERECHO A LA IGUALDAD EN REGIMEN DE CESANTIAS PARCIALES-Cambio de legislaci\u00f3n \u00a0 DERECHO DE PETICION EN CESANTIAS PARCIALES-Reconocimiento no sujeto a disponibilidad presupuestal \u00a0 PROCURADURIA GENERAL DE LA NACION-Falta de respuesta a petici\u00f3n \u00a0 Referencia: expediente T-259196 \u00a0 Acci\u00f3n de tutela instaurada por Cielo Beatriz Pedraza de Lobo contra el Coordinador Regional del Fondo Prestacional Magisterio del Atl\u00e1ntico.\u00a0 \u00a0 Magistrado Ponente: \u00a0 Dr. JOS\u00c9 GREGORIO HERN\u00c1NDEZ GALINDO \u00a0 Santa Fe de Bogot\u00e1, D.C., seis (6) de marzo de dos mil (2000). \u00a0 La Sala Quinta de ...<br \/><div class=\"pt-cv-rmwrap\"><a href=\"https:\/\/www.dmsjuridica.com\/buscador_20179478954\/corteconstitucionalcronologico202454587\/t-255-00\/\" class=\"_self pt-cv-readmore btn btn-success\" target=\"_self\">Ver Sentencia Completa...<\/a><\/div><\/div><\/div><\/div>\n<div class=\"col-md-12 col-sm-12 col-xs-12 pt-cv-content-item pt-cv-1-col\" ><div class='pt-cv-ifield'><a href=\"https:\/\/www.dmsjuridica.com\/buscador_20179478954\/corteconstitucionalcronologico202454587\/t-254-00\/\" class=\"_self pt-cv-href-thumbnail pt-cv-thumb-default\" target=\"_self\" ><\/a>\n<div class=\"pt-cv-taxoterm above_title\"><a href='https:\/\/www.dmsjuridica.com\/buscador_20179478954\/corteconstitucionalcronologico202454587\/category\/buscar-en-toda-la-corte\/2000\/tutelas-2000\/' title='Tutelas 2000' class='pt-cv-tax-tutelas-2000'>Tutelas 2000<\/a><\/div>\n<h4 class=\"pt-cv-title\"><a href=\"https:\/\/www.dmsjuridica.com\/buscador_20179478954\/corteconstitucionalcronologico202454587\/t-254-00\/\" class=\"_self\" target=\"_self\" >T-254-00<\/a><\/h4>\n<div class=\"pt-cv-content\">\u00a0 \u00a0 Sentencia T-254\/00 \u00a0 PRINCIPIO DE OFICIOSIDAD POR JUEZ DE TUTELA-Aplicaci\u00f3n \u00a0 DERECHO AL MINIMO VITAL DEL PENSIONADO-Presunci\u00f3n de afectaci\u00f3n por ausencia prolongada en pago de mesadas \u00a0 Referencia: expediente T-259178 \u00a0 Acci\u00f3n de tutela incoada por Mar\u00eda Santos Urrego vda. de Rojas contra \"Acer\u00edas Paz del R\u00edo S.A.\" \u00a0 Magistrado Ponente: \u00a0 Dr. JOS\u00c9 GREGORIO HERN\u00c1NDEZ GALINDO\u00a0 \u00a0 Aprobada en Santa Fe de Bogot\u00e1, D.C., seis (6) de marzo de dos mil (2000). \u00a0 SENTENCIA \u00a0 dentro del proceso de revisi\u00f3n del fallo dictado en el asunto de la referencia por el Juzgado 35 Civil del Circuito de ...<br \/><div class=\"pt-cv-rmwrap\"><a href=\"https:\/\/www.dmsjuridica.com\/buscador_20179478954\/corteconstitucionalcronologico202454587\/t-254-00\/\" class=\"_self pt-cv-readmore btn btn-success\" target=\"_self\">Ver Sentencia Completa...<\/a><\/div><\/div><\/div><\/div>\n<div class=\"col-md-12 col-sm-12 col-xs-12 pt-cv-content-item pt-cv-1-col\" ><div class='pt-cv-ifield'><a href=\"https:\/\/www.dmsjuridica.com\/buscador_20179478954\/corteconstitucionalcronologico202454587\/t-253-00\/\" class=\"_self pt-cv-href-thumbnail pt-cv-thumb-default\" target=\"_self\" ><\/a>\n<div class=\"pt-cv-taxoterm above_title\"><a href='https:\/\/www.dmsjuridica.com\/buscador_20179478954\/corteconstitucionalcronologico202454587\/category\/buscar-en-toda-la-corte\/2000\/tutelas-2000\/' title='Tutelas 2000' class='pt-cv-tax-tutelas-2000'>Tutelas 2000<\/a><\/div>\n<h4 class=\"pt-cv-title\"><a href=\"https:\/\/www.dmsjuridica.com\/buscador_20179478954\/corteconstitucionalcronologico202454587\/t-253-00\/\" class=\"_self\" target=\"_self\" >T-253-00<\/a><\/h4>\n<div class=\"pt-cv-content\">\u00a0 \u00a0 Sentencia T-253\/00 \u00a0 ACCION DE TUTELA-Hecho superado \u00a0 Referencia: expediente T-258888 \u00a0 Acci\u00f3n de tutela instaurada por Mar\u00eda Edilma Correa Lozano contra el Seguro Social.\u00a0 \u00a0 Magistrado Ponente: \u00a0 Dr. JOS\u00c9 GREGORIO HERN\u00c1NDEZ GALINDO \u00a0 Aprobada en Santa Fe de Bogot\u00e1, D.C., seis (6) de marzo de dos mil (2000). \u00a0 La Sala Quinta de Revisi\u00f3n de la Corte Constitucional, en ejercicio de sus competencias constitucionales y legales, espec\u00edficamente las previstas en los art\u00edculos 86 y 241, numeral 9, de la Constituci\u00f3n Pol\u00edtica y en el Decreto 2591 de 1991, ha proferido la siguiente \u00a0 SENTENCIA \u00a0 en ...<br \/><div class=\"pt-cv-rmwrap\"><a href=\"https:\/\/www.dmsjuridica.com\/buscador_20179478954\/corteconstitucionalcronologico202454587\/t-253-00\/\" class=\"_self pt-cv-readmore btn btn-success\" target=\"_self\">Ver Sentencia Completa...<\/a><\/div><\/div><\/div><\/div>\n<div class=\"col-md-12 col-sm-12 col-xs-12 pt-cv-content-item pt-cv-1-col\" ><div class='pt-cv-ifield'><a href=\"https:\/\/www.dmsjuridica.com\/buscador_20179478954\/corteconstitucionalcronologico202454587\/t-252-00\/\" class=\"_self pt-cv-href-thumbnail pt-cv-thumb-default\" target=\"_self\" ><\/a>\n<div class=\"pt-cv-taxoterm above_title\"><a href='https:\/\/www.dmsjuridica.com\/buscador_20179478954\/corteconstitucionalcronologico202454587\/category\/buscar-en-toda-la-corte\/2000\/tutelas-2000\/' title='Tutelas 2000' class='pt-cv-tax-tutelas-2000'>Tutelas 2000<\/a><\/div>\n<h4 class=\"pt-cv-title\"><a href=\"https:\/\/www.dmsjuridica.com\/buscador_20179478954\/corteconstitucionalcronologico202454587\/t-252-00\/\" class=\"_self\" target=\"_self\" >T-252-00<\/a><\/h4>\n<div class=\"pt-cv-content\">ACCION DE TUTELA-Procedencia excepcional pago de acreencias laborales \u00a0 DERECHO AL MINIMO VITAL DEL TRABAJADOR-Pago oportuno de salarios \u00a0 EMPLEADOR-Situaci\u00f3n econ\u00f3mica o presupuestal no es \u00f3bice para desconocer obligaciones laborales \u00a0 Referencia: expediente T-258689 \u00a0 Acci\u00f3n de tutela instaurada por Jos\u00e9 Jomairo Quintero Casta\u00f1o contra la \"Promotora de Vacaciones y Recreaci\u00f3n Social-PROSOCIAL\". \u00a0 Magistrado Ponente: \u00a0 Dr. JOS\u00c9 GREGORIO HERN\u00c1NDEZ GALINDO \u00a0 Santa Fe de Bogot\u00e1 D.C., seis (6) de marzo de dos mil (2000). \u00a0 La Sala Quinta de Revisi\u00f3n de la Corte Constitucional, en ejercicio de sus competencias constitucionales y legales, espec\u00edficamente las previstas en los art\u00edculos 86 ...<br \/><div class=\"pt-cv-rmwrap\"><a href=\"https:\/\/www.dmsjuridica.com\/buscador_20179478954\/corteconstitucionalcronologico202454587\/t-252-00\/\" class=\"_self pt-cv-readmore btn btn-success\" target=\"_self\">Ver Sentencia Completa...<\/a><\/div><\/div><\/div><\/div>\n<div class=\"col-md-12 col-sm-12 col-xs-12 pt-cv-content-item pt-cv-1-col\" ><div class='pt-cv-ifield'><a href=\"https:\/\/www.dmsjuridica.com\/buscador_20179478954\/corteconstitucionalcronologico202454587\/t-251-00\/\" class=\"_self pt-cv-href-thumbnail pt-cv-thumb-default\" target=\"_self\" ><\/a>\n<div class=\"pt-cv-taxoterm above_title\"><a href='https:\/\/www.dmsjuridica.com\/buscador_20179478954\/corteconstitucionalcronologico202454587\/category\/buscar-en-toda-la-corte\/2000\/tutelas-2000\/' title='Tutelas 2000' class='pt-cv-tax-tutelas-2000'>Tutelas 2000<\/a><\/div>\n<h4 class=\"pt-cv-title\"><a href=\"https:\/\/www.dmsjuridica.com\/buscador_20179478954\/corteconstitucionalcronologico202454587\/t-251-00\/\" class=\"_self\" target=\"_self\" >T-251-00<\/a><\/h4>\n<div class=\"pt-cv-content\">\u00a0 \u00a0 Sentencia T-251\/00 \u00a0 ACCION DE TUTELA CONTRA PARTICULARES-Procedencia excepcional \u00a0 SUBORDINACION LABORAL-Pago oportuno de salarios \u00a0 ACCION DE TUTELA CONTRA PARTICULARES-Inconstitucionalidad de limitaci\u00f3n de amparo a ciertos derechos \u00a0 COSA JUZGADA CONSTITUCIONAL-Observancia por juez respecto a procedimiento de tutela\u00a0 \u00a0 JUEZ DE TUTELA-Motivaci\u00f3n no ajustada a Constituci\u00f3n por aplicaci\u00f3n de norma procedimental de tutela declarada inconstitucional \u00a0 ACCION DE TUTELA-Procedencia excepcional pago de acreencias laborales \u00a0 DERECHO AL MINIMO VITAL DEL TRABAJADOR-Pago oportuno de salarios \u00a0 Referencia: expediente T-258686 \u00a0 Acci\u00f3n de tutela incoada por Jos\u00e9 Uriel Francisco Salamanca contra \"Transautos Garz\u00f3n Ltda.\" \u00a0 Dr. JOS\u00c9 GREGORIO HERN\u00c1NDEZ ...<br \/><div class=\"pt-cv-rmwrap\"><a href=\"https:\/\/www.dmsjuridica.com\/buscador_20179478954\/corteconstitucionalcronologico202454587\/t-251-00\/\" class=\"_self pt-cv-readmore btn btn-success\" target=\"_self\">Ver Sentencia Completa...<\/a><\/div><\/div><\/div><\/div>\n<div class=\"col-md-12 col-sm-12 col-xs-12 pt-cv-content-item pt-cv-1-col\" ><div class='pt-cv-ifield'><a href=\"https:\/\/www.dmsjuridica.com\/buscador_20179478954\/corteconstitucionalcronologico202454587\/t-250-00\/\" class=\"_self pt-cv-href-thumbnail pt-cv-thumb-default\" target=\"_self\" ><\/a>\n<div class=\"pt-cv-taxoterm above_title\"><a href='https:\/\/www.dmsjuridica.com\/buscador_20179478954\/corteconstitucionalcronologico202454587\/category\/buscar-en-toda-la-corte\/2000\/tutelas-2000\/' title='Tutelas 2000' class='pt-cv-tax-tutelas-2000'>Tutelas 2000<\/a><\/div>\n<h4 class=\"pt-cv-title\"><a href=\"https:\/\/www.dmsjuridica.com\/buscador_20179478954\/corteconstitucionalcronologico202454587\/t-250-00\/\" class=\"_self\" target=\"_self\" >T-250-00<\/a><\/h4>\n<div class=\"pt-cv-content\">\u00a0 \u00a0 Sentencia T-250\/00 \u00a0 ACCION DE TUTELA-Procedencia excepcional pago de acreencias laborales \u00a0 Acci\u00f3n de tutela instaurada por Heriberto Vargas Carre\u00f1o contra Acer\u00edas Paz del R\u00edo S.A. y el Seguro Social. \u00a0 Magistrado Ponente: \u00a0 Dr. JOS\u00c9 GREGORIO HERN\u00c1NDEZ GALINDO \u00a0 Aprobada en Santa Fe de Bogot\u00e1, D.C., seis (6) de marzo de dos mil (2000). \u00a0 La Sala Quinta de Revisi\u00f3n de la Corte Constitucional, en ejercicio de sus competencias constitucionales y legales, espec\u00edficamente las previstas en los art\u00edculos 86 y 241, numeral 9, de la Constituci\u00f3n Pol\u00edtica y en el Decreto 2591 de 1.991, ha proferido la ...<br \/><div class=\"pt-cv-rmwrap\"><a href=\"https:\/\/www.dmsjuridica.com\/buscador_20179478954\/corteconstitucionalcronologico202454587\/t-250-00\/\" class=\"_self pt-cv-readmore btn btn-success\" target=\"_self\">Ver Sentencia Completa...<\/a><\/div><\/div><\/div><\/div>\n<div class=\"col-md-12 col-sm-12 col-xs-12 pt-cv-content-item pt-cv-1-col\" ><div class='pt-cv-ifield'><a href=\"https:\/\/www.dmsjuridica.com\/buscador_20179478954\/corteconstitucionalcronologico202454587\/t-249-00\/\" class=\"_self pt-cv-href-thumbnail pt-cv-thumb-default\" target=\"_self\" ><\/a>\n<div class=\"pt-cv-taxoterm above_title\"><a href='https:\/\/www.dmsjuridica.com\/buscador_20179478954\/corteconstitucionalcronologico202454587\/category\/buscar-en-toda-la-corte\/2000\/tutelas-2000\/' title='Tutelas 2000' class='pt-cv-tax-tutelas-2000'>Tutelas 2000<\/a><\/div>\n<h4 class=\"pt-cv-title\"><a href=\"https:\/\/www.dmsjuridica.com\/buscador_20179478954\/corteconstitucionalcronologico202454587\/t-249-00\/\" class=\"_self\" target=\"_self\" >T-249-00<\/a><\/h4>\n<div class=\"pt-cv-content\">\u00a0 \u00a0 Sentencia T-249\/00 \u00a0 ACCION DE TUTELA-Procedencia excepcional pago de acreencias laborales \u00a0 Referencia: expediente T-258482 \u00a0 Acci\u00f3n de tutela instaurada por Jos\u00e9 Antonio Porras Dominguez contra el Seguro Social -Seccional Valle del Cauca-. \u00a0 Magistrado Ponente: \u00a0 Dr. JOS\u00c9 GREGORIO HERN\u00c1NDEZ GALINDO \u00a0 Santa Fe de Bogot\u00e1, D.C., seis (6) de marzo de dos mil (2000). \u00a0 La Sala Quinta de Revisi\u00f3n de la Corte Constitucional, en ejercicio de sus competencias constitucionales y legales, en especial las previstas en los art\u00edculos 86 y 241-9 de la Carta Pol\u00edtica y en el Decreto 2591 de 1991, ha proferido la ...<br \/><div class=\"pt-cv-rmwrap\"><a href=\"https:\/\/www.dmsjuridica.com\/buscador_20179478954\/corteconstitucionalcronologico202454587\/t-249-00\/\" class=\"_self pt-cv-readmore btn btn-success\" target=\"_self\">Ver Sentencia Completa...<\/a><\/div><\/div><\/div><\/div>\n<div class=\"col-md-12 col-sm-12 col-xs-12 pt-cv-content-item pt-cv-1-col\" ><div class='pt-cv-ifield'><a href=\"https:\/\/www.dmsjuridica.com\/buscador_20179478954\/corteconstitucionalcronologico202454587\/t-248-00\/\" class=\"_self pt-cv-href-thumbnail pt-cv-thumb-default\" target=\"_self\" ><\/a>\n<div class=\"pt-cv-taxoterm above_title\"><a href='https:\/\/www.dmsjuridica.com\/buscador_20179478954\/corteconstitucionalcronologico202454587\/category\/buscar-en-toda-la-corte\/2000\/tutelas-2000\/' title='Tutelas 2000' class='pt-cv-tax-tutelas-2000'>Tutelas 2000<\/a><\/div>\n<h4 class=\"pt-cv-title\"><a href=\"https:\/\/www.dmsjuridica.com\/buscador_20179478954\/corteconstitucionalcronologico202454587\/t-248-00\/\" class=\"_self\" target=\"_self\" >T-248-00<\/a><\/h4>\n<div class=\"pt-cv-content\">\u00a0 \u00a0 Sentencia T-248\/00 \u00a0 ACCION DE TUTELA-Procedencia excepcional pago de acreencias laborales \u00a0 Referencia: expediente T-258363 \u00a0 Acci\u00f3n de tutela instaurada por Lina Rosa Galvan Maussa contra la Industria Licorera de Bol\u00edvar.\u00a0 \u00a0 Magistrado Ponente: \u00a0 Dr. JOS\u00c9 GREGORIO HERN\u00c1NDEZ GALINDO \u00a0 Aprobada en Santa Fe de Bogot\u00e1, D.C., seis (6) de marzo de dos mil (2000). \u00a0 La Sala Quinta de Revisi\u00f3n de la Corte Constitucional, en ejercicio de sus competencias constitucionales y legales, espec\u00edficamente las previstas en los art\u00edculos 86 y 241, numeral 9, de la Constituci\u00f3n Pol\u00edtica y en el Decreto 2591 de 1991, ha proferido ...<br \/><div class=\"pt-cv-rmwrap\"><a href=\"https:\/\/www.dmsjuridica.com\/buscador_20179478954\/corteconstitucionalcronologico202454587\/t-248-00\/\" class=\"_self pt-cv-readmore btn btn-success\" target=\"_self\">Ver Sentencia Completa...<\/a><\/div><\/div><\/div><\/div>\n<div class=\"col-md-12 col-sm-12 col-xs-12 pt-cv-content-item pt-cv-1-col\" ><div class='pt-cv-ifield'><a href=\"https:\/\/www.dmsjuridica.com\/buscador_20179478954\/corteconstitucionalcronologico202454587\/t-247-00\/\" class=\"_self pt-cv-href-thumbnail pt-cv-thumb-default\" target=\"_self\" ><\/a>\n<div class=\"pt-cv-taxoterm above_title\"><a href='https:\/\/www.dmsjuridica.com\/buscador_20179478954\/corteconstitucionalcronologico202454587\/category\/buscar-en-toda-la-corte\/2000\/tutelas-2000\/' title='Tutelas 2000' class='pt-cv-tax-tutelas-2000'>Tutelas 2000<\/a><\/div>\n<h4 class=\"pt-cv-title\"><a href=\"https:\/\/www.dmsjuridica.com\/buscador_20179478954\/corteconstitucionalcronologico202454587\/t-247-00\/\" class=\"_self\" target=\"_self\" >T-247-00<\/a><\/h4>\n<div class=\"pt-cv-content\">\u00a0 \u00a0 Sentencia T-247\/00 \u00a0 ACCION DE TUTELA-Improcedencia sobre hechos futuros e inciertos \u00a0 Carece de objeto la tutela instaurada contra alguien por hechos que constituyen apenas una posibilidad futura remota, en cuanto est\u00e1n atados a otros todav\u00eda no ocurridos. En realidad s\u00f3lo puede brindarse protecci\u00f3n respecto a violaciones presentes y actuales, o para prevenir amenazas ciertas y contundentes, pero de ninguna manera cabe la solicitud de amparo en relaci\u00f3n con sucesos futuros e inciertos. \u00a0 ACCION DE TUTELA-Carencia actual de objeto \u00a0 DERECHO A LA SALUD-Expedici\u00f3n de incapacidad laboral en oportunidad con motivo de cirug\u00eda \u00a0 Referencia: expediente T-258226 ...<br \/><div class=\"pt-cv-rmwrap\"><a href=\"https:\/\/www.dmsjuridica.com\/buscador_20179478954\/corteconstitucionalcronologico202454587\/t-247-00\/\" class=\"_self pt-cv-readmore btn btn-success\" target=\"_self\">Ver Sentencia Completa...<\/a><\/div><\/div><\/div><\/div>\n<div class=\"col-md-12 col-sm-12 col-xs-12 pt-cv-content-item pt-cv-1-col\" ><div class='pt-cv-ifield'><a href=\"https:\/\/www.dmsjuridica.com\/buscador_20179478954\/corteconstitucionalcronologico202454587\/t-246-00\/\" class=\"_self pt-cv-href-thumbnail pt-cv-thumb-default\" target=\"_self\" ><\/a>\n<div class=\"pt-cv-taxoterm above_title\"><a href='https:\/\/www.dmsjuridica.com\/buscador_20179478954\/corteconstitucionalcronologico202454587\/category\/buscar-en-toda-la-corte\/2000\/tutelas-2000\/' title='Tutelas 2000' class='pt-cv-tax-tutelas-2000'>Tutelas 2000<\/a><\/div>\n<h4 class=\"pt-cv-title\"><a href=\"https:\/\/www.dmsjuridica.com\/buscador_20179478954\/corteconstitucionalcronologico202454587\/t-246-00\/\" class=\"_self\" target=\"_self\" >T-246-00<\/a><\/h4>\n<div class=\"pt-cv-content\">\u00a0 \u00a0 Sentencia T-246\/00 \u00a0 ACCION DE TUTELA-Procedencia excepcional pago de acreencias laborales \u00a0 Referencia: expedientes acumulados T-254264 y T-259247\u00a0 \u00a0 Acci\u00f3n de tutela instaurada por Jos\u00e9 Echavarr\u00eda y Luis Enrique Restrepo contra la empresa \"Calidad en Fibra de Vidrio Ltda.\" \u00a0 Magistrado Ponente: \u00a0 Dr. JOS\u00c9 GREGORIO HERN\u00c1NDEZ GALINDO \u00a0 Santa Fe de Bogot\u00e1, D.C., seis (6) de marzo de dos mil (2000). \u00a0 La Sala Quinta de Revisi\u00f3n de la Corte Constitucional, \u00a0en ejercicio de sus competencias constitucionales y legales, espec\u00edficamente las previstas en los art\u00edculos 86 y 241, numeral 9, de la Constituci\u00f3n Pol\u00edtica y en el ...<br \/><div class=\"pt-cv-rmwrap\"><a href=\"https:\/\/www.dmsjuridica.com\/buscador_20179478954\/corteconstitucionalcronologico202454587\/t-246-00\/\" class=\"_self pt-cv-readmore btn btn-success\" target=\"_self\">Ver Sentencia Completa...<\/a><\/div><\/div><\/div><\/div>\n<div class=\"col-md-12 col-sm-12 col-xs-12 pt-cv-content-item pt-cv-1-col\" ><div class='pt-cv-ifield'><a href=\"https:\/\/www.dmsjuridica.com\/buscador_20179478954\/corteconstitucionalcronologico202454587\/t-245-00\/\" class=\"_self pt-cv-href-thumbnail pt-cv-thumb-default\" target=\"_self\" ><\/a>\n<div class=\"pt-cv-taxoterm above_title\"><a href='https:\/\/www.dmsjuridica.com\/buscador_20179478954\/corteconstitucionalcronologico202454587\/category\/buscar-en-toda-la-corte\/2000\/tutelas-2000\/' title='Tutelas 2000' class='pt-cv-tax-tutelas-2000'>Tutelas 2000<\/a><\/div>\n<h4 class=\"pt-cv-title\"><a href=\"https:\/\/www.dmsjuridica.com\/buscador_20179478954\/corteconstitucionalcronologico202454587\/t-245-00\/\" class=\"_self\" target=\"_self\" >T-245-00<\/a><\/h4>\n<div class=\"pt-cv-content\">\u00a0 \u00a0 Sentencia T-245\/00 \u00a0 ACCION DE TUTELA-Procedencia excepcional pago de acreencias laborales \u00a0 Referencia: expedientes acumulados T-242937, T-257329 y T-259227 \u00a0 Acciones de tutela incoadas por Alfonso Florentino Caicedo Portillo, Luis Carlos Ordo\u00f1ez Mart\u00ednez y Oscar Hernando Ortiz Fl\u00f3rez contra el Gobernador del Departamento de Nari\u00f1o. \u00a0 Magistrado Ponente: \u00a0 Dr. JOS\u00c9 GREGORIO HERN\u00c1NDEZ GALINDO\u00a0 \u00a0 Santa Fe de Bogot\u00e1, D.C., seis (6) de marzo de dos mil (2000). \u00a0 La Sala Quinta de Revisi\u00f3n de la Corte Constitucional, en ejercicio de sus competencias constitucionales y legales, espec\u00edficamente las previstas en los art\u00edculos 86 y 241, numeral 9, de ...<br \/><div class=\"pt-cv-rmwrap\"><a href=\"https:\/\/www.dmsjuridica.com\/buscador_20179478954\/corteconstitucionalcronologico202454587\/t-245-00\/\" class=\"_self pt-cv-readmore btn btn-success\" target=\"_self\">Ver Sentencia Completa...<\/a><\/div><\/div><\/div><\/div>\n<div class=\"col-md-12 col-sm-12 col-xs-12 pt-cv-content-item pt-cv-1-col\" ><div class='pt-cv-ifield'><a href=\"https:\/\/www.dmsjuridica.com\/buscador_20179478954\/corteconstitucionalcronologico202454587\/t-244-00\/\" class=\"_self pt-cv-href-thumbnail pt-cv-thumb-default\" target=\"_self\" ><\/a>\n<div class=\"pt-cv-taxoterm above_title\"><a href='https:\/\/www.dmsjuridica.com\/buscador_20179478954\/corteconstitucionalcronologico202454587\/category\/buscar-en-toda-la-corte\/2000\/tutelas-2000\/' title='Tutelas 2000' class='pt-cv-tax-tutelas-2000'>Tutelas 2000<\/a><\/div>\n<h4 class=\"pt-cv-title\"><a href=\"https:\/\/www.dmsjuridica.com\/buscador_20179478954\/corteconstitucionalcronologico202454587\/t-244-00\/\" class=\"_self\" target=\"_self\" >T-244-00<\/a><\/h4>\n<div class=\"pt-cv-content\">\u00a0 \u00a0 Sentencia T-244\/00 \u00a0 ACCION DE TUTELA CONTRA PARTICULARES-Publicaci\u00f3n de libro\/ACCION DE TUTELA CONTRA ESCRITOR \u00a0 No hay duda que una persona, en este caso la actora, que asume que ella es uno de los personajes de una obra escrita, que el autor reivindica como una novela pero que en su criterio es un relato hist\u00f3rico, y cree que la descripci\u00f3n que se hace de ella y de su familia vulnera varios de sus derechos fundamentales, no dispone, por s\u00ed misma, de los medios que en igualdad de condiciones le permitan contrarrestar esa situaci\u00f3n de manera inmediata, lo que ...<br \/><div class=\"pt-cv-rmwrap\"><a href=\"https:\/\/www.dmsjuridica.com\/buscador_20179478954\/corteconstitucionalcronologico202454587\/t-244-00\/\" class=\"_self pt-cv-readmore btn btn-success\" target=\"_self\">Ver Sentencia Completa...<\/a><\/div><\/div><\/div><\/div>\n<div class=\"col-md-12 col-sm-12 col-xs-12 pt-cv-content-item pt-cv-1-col\" ><div class='pt-cv-ifield'><a href=\"https:\/\/www.dmsjuridica.com\/buscador_20179478954\/corteconstitucionalcronologico202454587\/t-243-00\/\" class=\"_self pt-cv-href-thumbnail pt-cv-thumb-default\" target=\"_self\" ><\/a>\n<div class=\"pt-cv-taxoterm above_title\"><a href='https:\/\/www.dmsjuridica.com\/buscador_20179478954\/corteconstitucionalcronologico202454587\/category\/buscar-en-toda-la-corte\/2000\/tutelas-2000\/' title='Tutelas 2000' class='pt-cv-tax-tutelas-2000'>Tutelas 2000<\/a><\/div>\n<h4 class=\"pt-cv-title\"><a href=\"https:\/\/www.dmsjuridica.com\/buscador_20179478954\/corteconstitucionalcronologico202454587\/t-243-00\/\" class=\"_self\" target=\"_self\" >T-243-00<\/a><\/h4>\n<div class=\"pt-cv-content\">\u00a0 \u00a0 Sentencia T-243\/00\u00a0 \u00a0 DEBER DE ATENDER GASTOS DE LOS HIJOS-Corresponde a padre sobreviviente \u00a0 Conforme a los art\u00edculos 253 y 258 del C\u00f3digo Civil, es en el padre sobreviviente en quien recae el deber de atender los gastos de crianza, \u00a0educaci\u00f3n y establecimiento de los hijos. Juzga esta Sala de Revisi\u00f3n que, en las condiciones se\u00f1aladas, a la madre no le es jur\u00eddicamente aceptable raz\u00f3n alguna, para exonerarse de cumplir con este deber. Menos a\u00fan, resulta de recibo que para ello se valga de la expectativa del derecho herencial que tiene su hija, pues, se reitera, en sus ...<br \/><div class=\"pt-cv-rmwrap\"><a href=\"https:\/\/www.dmsjuridica.com\/buscador_20179478954\/corteconstitucionalcronologico202454587\/t-243-00\/\" class=\"_self pt-cv-readmore btn btn-success\" target=\"_self\">Ver Sentencia Completa...<\/a><\/div><\/div><\/div><\/div>\n<div class=\"col-md-12 col-sm-12 col-xs-12 pt-cv-content-item pt-cv-1-col\" ><div class='pt-cv-ifield'><a href=\"https:\/\/www.dmsjuridica.com\/buscador_20179478954\/corteconstitucionalcronologico202454587\/t-242-00\/\" class=\"_self pt-cv-href-thumbnail pt-cv-thumb-default\" target=\"_self\" ><\/a>\n<div class=\"pt-cv-taxoterm above_title\"><a href='https:\/\/www.dmsjuridica.com\/buscador_20179478954\/corteconstitucionalcronologico202454587\/category\/buscar-en-toda-la-corte\/2000\/tutelas-2000\/' title='Tutelas 2000' class='pt-cv-tax-tutelas-2000'>Tutelas 2000<\/a><\/div>\n<h4 class=\"pt-cv-title\"><a href=\"https:\/\/www.dmsjuridica.com\/buscador_20179478954\/corteconstitucionalcronologico202454587\/t-242-00\/\" class=\"_self\" target=\"_self\" >T-242-00<\/a><\/h4>\n<div class=\"pt-cv-content\">\u00a0 \u00a0 Sentencia T-242\/00 \u00a0 DERECHO A LA SALUD-Omisi\u00f3n pr\u00e1ctica de cirug\u00eda por negligencia administrativa \u00a0 Parece sorprendente que el Seguro Social no conozca cu\u00e1les de sus aportantes est\u00e1n al d\u00eda en el pago de sus obligaciones, y cu\u00e1les han incurrido en mora, lo que denota una evidente falla en la prestaci\u00f3n del servicio p\u00fablico que le ha sido encomendada, y un desorden e ineficiencia administrativos inaceptable. Ello ha generado, en el caso particular, la afectaci\u00f3n del derecho al habeas data del peticionario, por manejo de una informaci\u00f3n errada que ha conducido a la exclusi\u00f3n del servicio de salud. \u00a0 ...<br \/><div class=\"pt-cv-rmwrap\"><a href=\"https:\/\/www.dmsjuridica.com\/buscador_20179478954\/corteconstitucionalcronologico202454587\/t-242-00\/\" class=\"_self pt-cv-readmore btn btn-success\" target=\"_self\">Ver Sentencia Completa...<\/a><\/div><\/div><\/div><\/div>\n<div class=\"col-md-12 col-sm-12 col-xs-12 pt-cv-content-item pt-cv-1-col\" ><div class='pt-cv-ifield'><a href=\"https:\/\/www.dmsjuridica.com\/buscador_20179478954\/corteconstitucionalcronologico202454587\/t-241-00\/\" class=\"_self pt-cv-href-thumbnail pt-cv-thumb-default\" target=\"_self\" ><\/a>\n<div class=\"pt-cv-taxoterm above_title\"><a href='https:\/\/www.dmsjuridica.com\/buscador_20179478954\/corteconstitucionalcronologico202454587\/category\/buscar-en-toda-la-corte\/2000\/tutelas-2000\/' title='Tutelas 2000' class='pt-cv-tax-tutelas-2000'>Tutelas 2000<\/a><\/div>\n<h4 class=\"pt-cv-title\"><a href=\"https:\/\/www.dmsjuridica.com\/buscador_20179478954\/corteconstitucionalcronologico202454587\/t-241-00\/\" class=\"_self\" target=\"_self\" >T-241-00<\/a><\/h4>\n<div class=\"pt-cv-content\">\u00a0 \u00a0 Sentencia T-241\/00 \u00a0 ACCION DE TUTELA-Procedencia excepcional pago de acreencias laborales \u00a0 Referencia: expediente T-257909 \u00a0 Acci\u00f3n de tutela incoada por Graciliano de Jes\u00fas Rom\u00e1n Cardona contra \"Muebles Hermes Serania Ltda\". \u00a0 Magistrado Ponente: \u00a0 Dr. JOS\u00c9 GREGORIO HERN\u00c1NDEZ GALINDO\u00a0 \u00a0 Santa Fe de Bogot\u00e1, D.C., tres (3) de marzo de dos mil (2000). \u00a0 La Sala Quinta de Revisi\u00f3n de la Corte Constitucional, en ejercicio de sus competencias constitucionales y legales, espec\u00edficamente las previstas en los art\u00edculos 86 y 241, numeral 9, de la Constituci\u00f3n Pol\u00edtica y en el Decreto 2591 de 1991, ha proferido la siguiente ...<br \/><div class=\"pt-cv-rmwrap\"><a href=\"https:\/\/www.dmsjuridica.com\/buscador_20179478954\/corteconstitucionalcronologico202454587\/t-241-00\/\" class=\"_self pt-cv-readmore btn btn-success\" target=\"_self\">Ver Sentencia Completa...<\/a><\/div><\/div><\/div><\/div>\n<div class=\"col-md-12 col-sm-12 col-xs-12 pt-cv-content-item pt-cv-1-col\" ><div class='pt-cv-ifield'><a href=\"https:\/\/www.dmsjuridica.com\/buscador_20179478954\/corteconstitucionalcronologico202454587\/t-240-00\/\" class=\"_self pt-cv-href-thumbnail pt-cv-thumb-default\" target=\"_self\" ><\/a>\n<div class=\"pt-cv-taxoterm above_title\"><a href='https:\/\/www.dmsjuridica.com\/buscador_20179478954\/corteconstitucionalcronologico202454587\/category\/buscar-en-toda-la-corte\/2000\/tutelas-2000\/' title='Tutelas 2000' class='pt-cv-tax-tutelas-2000'>Tutelas 2000<\/a><\/div>\n<h4 class=\"pt-cv-title\"><a href=\"https:\/\/www.dmsjuridica.com\/buscador_20179478954\/corteconstitucionalcronologico202454587\/t-240-00\/\" class=\"_self\" target=\"_self\" >T-240-00<\/a><\/h4>\n<div class=\"pt-cv-content\">\u00a0 \u00a0 Sentencia T-240\/00 \u00a0 DERECHO AL MINIMO VITAL DEL PENSIONADO-Pago oportuno de mesadas y primas pensionales \u00a0 Referencia: expediente T-257993 \u00a0 Acci\u00f3n de tutela instaurada por Maura Romero de Gonz\u00e1lez contra la Industria Licorera del Magdalena y el Departamento del Magdalena. \u00a0 Magistrado Ponente: \u00a0 Dr. JOS\u00c9 GREGORIO HERN\u00c1NDEZ GALINDO \u00a0 Santa Fe de Bogot\u00e1 D.C., tres (3) de marzo de dos mil (2000). \u00a0 La Sala Quinta de Revisi\u00f3n de la Corte Constitucional, en ejercicio de sus competencias constitucionales y legales, espec\u00edficamente las previstas en los art\u00edculos 86 y 241, numeral 9, de la Constituci\u00f3n Pol\u00edtica y en ...<br \/><div class=\"pt-cv-rmwrap\"><a href=\"https:\/\/www.dmsjuridica.com\/buscador_20179478954\/corteconstitucionalcronologico202454587\/t-240-00\/\" class=\"_self pt-cv-readmore btn btn-success\" target=\"_self\">Ver Sentencia Completa...<\/a><\/div><\/div><\/div><\/div>\n<div class=\"col-md-12 col-sm-12 col-xs-12 pt-cv-content-item pt-cv-1-col\" ><div class='pt-cv-ifield'><a href=\"https:\/\/www.dmsjuridica.com\/buscador_20179478954\/corteconstitucionalcronologico202454587\/t-239-00\/\" class=\"_self pt-cv-href-thumbnail pt-cv-thumb-default\" target=\"_self\" ><\/a>\n<div class=\"pt-cv-taxoterm above_title\"><a href='https:\/\/www.dmsjuridica.com\/buscador_20179478954\/corteconstitucionalcronologico202454587\/category\/buscar-en-toda-la-corte\/2000\/tutelas-2000\/' title='Tutelas 2000' class='pt-cv-tax-tutelas-2000'>Tutelas 2000<\/a><\/div>\n<h4 class=\"pt-cv-title\"><a href=\"https:\/\/www.dmsjuridica.com\/buscador_20179478954\/corteconstitucionalcronologico202454587\/t-239-00\/\" class=\"_self\" target=\"_self\" >T-239-00<\/a><\/h4>\n<div class=\"pt-cv-content\">\u00a0 \u00a0 Sentencia T-239\/00 \u00a0 EDUCACION-Alcance\/EDUCACION-Valores y usos sociales \u00a0 En t\u00e9rminos de la Constituci\u00f3n de 1991, la educaci\u00f3n es una actividad formativa, no autoritaria, que requiere de alumnos activos, creativos y participantes en lugar de pasivos, repetidores y sumisos. La educaci\u00f3n no es mera instrucci\u00f3n, es socializaci\u00f3n secundaria destinada a complementar la que de manera primaria recibe el ni\u00f1o en el seno de la familia, con el fin de que pueda cumplir con su papel en la vida de relaci\u00f3n; esta formaci\u00f3n en los valores y los usos sociales debe estar orientada a preparar a los futuros ciudadanos para ...<br \/><div class=\"pt-cv-rmwrap\"><a href=\"https:\/\/www.dmsjuridica.com\/buscador_20179478954\/corteconstitucionalcronologico202454587\/t-239-00\/\" class=\"_self pt-cv-readmore btn btn-success\" target=\"_self\">Ver Sentencia Completa...<\/a><\/div><\/div><\/div><\/div>\n<div class=\"col-md-12 col-sm-12 col-xs-12 pt-cv-content-item pt-cv-1-col\" ><div class='pt-cv-ifield'><a href=\"https:\/\/www.dmsjuridica.com\/buscador_20179478954\/corteconstitucionalcronologico202454587\/t-238-00\/\" class=\"_self pt-cv-href-thumbnail pt-cv-thumb-default\" target=\"_self\" ><\/a>\n<div class=\"pt-cv-taxoterm above_title\"><a href='https:\/\/www.dmsjuridica.com\/buscador_20179478954\/corteconstitucionalcronologico202454587\/category\/buscar-en-toda-la-corte\/2000\/tutelas-2000\/' title='Tutelas 2000' class='pt-cv-tax-tutelas-2000'>Tutelas 2000<\/a><\/div>\n<h4 class=\"pt-cv-title\"><a href=\"https:\/\/www.dmsjuridica.com\/buscador_20179478954\/corteconstitucionalcronologico202454587\/t-238-00\/\" class=\"_self\" target=\"_self\" >T-238-00<\/a><\/h4>\n<div class=\"pt-cv-content\">\u00a0 \u00a0 Sentencia T-238\/00 \u00a0 ACCION DE TUTELA-Procedencia excepcional pago de acreencias laborales \u00a0 Referencia: expediente T-257822 \u00a0 Acci\u00f3n de tutela instaurada por Odilio Ramirez Arias contra el Municipio de Guamo (Tolima) \u00a0 Magistrado Ponente:\u00a0 \u00a0 Dr. JOS\u00c9 GREGORIO HERN\u00c1NDEZ GALINDO \u00a0 Santa Fe de Bogot\u00e1, D.C., tres (3) de marzo de dos mil (2000). \u00a0 La Sala Quinta de Revisi\u00f3n de la Corte Constitucional, en ejercicio de sus competencias constitucionales y legales, espec\u00edficamente las previstas en los art\u00edculos 86 y 241, numeral 9, de la Constituci\u00f3n Pol\u00edtica y en el Decreto 2591 de 1991, ha proferido la siguiente \u00a0 ...<br \/><div class=\"pt-cv-rmwrap\"><a href=\"https:\/\/www.dmsjuridica.com\/buscador_20179478954\/corteconstitucionalcronologico202454587\/t-238-00\/\" class=\"_self pt-cv-readmore btn btn-success\" target=\"_self\">Ver Sentencia Completa...<\/a><\/div><\/div><\/div><\/div>\n<div class=\"col-md-12 col-sm-12 col-xs-12 pt-cv-content-item pt-cv-1-col\" ><div class='pt-cv-ifield'><a href=\"https:\/\/www.dmsjuridica.com\/buscador_20179478954\/corteconstitucionalcronologico202454587\/t-237-00\/\" class=\"_self pt-cv-href-thumbnail pt-cv-thumb-default\" target=\"_self\" ><\/a>\n<div class=\"pt-cv-taxoterm above_title\"><a href='https:\/\/www.dmsjuridica.com\/buscador_20179478954\/corteconstitucionalcronologico202454587\/category\/buscar-en-toda-la-corte\/2000\/tutelas-2000\/' title='Tutelas 2000' class='pt-cv-tax-tutelas-2000'>Tutelas 2000<\/a><\/div>\n<h4 class=\"pt-cv-title\"><a href=\"https:\/\/www.dmsjuridica.com\/buscador_20179478954\/corteconstitucionalcronologico202454587\/t-237-00\/\" class=\"_self\" target=\"_self\" >T-237-00<\/a><\/h4>\n<div class=\"pt-cv-content\">\u00a0 \u00a0 Sentencia T-237\/00 \u00a0 ACCION DE TUTELA-Procedencia excepcional pago de acreencias laborales \u00a0 Referencia: expediente T-257821 \u00a0 Acci\u00f3n de tutela incoada por Jes\u00fas Antonio Donoso Mendoza contra el Municipio de Guamo (Tolima) \u00a0 Magistrado Ponente: \u00a0 Dr. JOS\u00c9 GREGORIO HERN\u00c1NDEZ GALINDO\u00a0 \u00a0 Aprobada en Santa Fe de Bogot\u00e1, D.C., el tres (3) de marzo de dos mil (2000). \u00a0 La Sala Quinta de Revisi\u00f3n de la Corte Constitucional, en ejercicio de sus competencias constitucionales y legales, espec\u00edficamente las previstas en los art\u00edculos 86 y 241, numeral 9, de la Constituci\u00f3n Pol\u00edtica y en el Decreto 2591 de 1991, ha ...<br \/><div class=\"pt-cv-rmwrap\"><a href=\"https:\/\/www.dmsjuridica.com\/buscador_20179478954\/corteconstitucionalcronologico202454587\/t-237-00\/\" class=\"_self pt-cv-readmore btn btn-success\" target=\"_self\">Ver Sentencia Completa...<\/a><\/div><\/div><\/div><\/div>\n<div class=\"col-md-12 col-sm-12 col-xs-12 pt-cv-content-item pt-cv-1-col\" ><div class='pt-cv-ifield'><a href=\"https:\/\/www.dmsjuridica.com\/buscador_20179478954\/corteconstitucionalcronologico202454587\/t-236-00\/\" class=\"_self pt-cv-href-thumbnail pt-cv-thumb-default\" target=\"_self\" ><\/a>\n<div class=\"pt-cv-taxoterm above_title\"><a href='https:\/\/www.dmsjuridica.com\/buscador_20179478954\/corteconstitucionalcronologico202454587\/category\/buscar-en-toda-la-corte\/2000\/tutelas-2000\/' title='Tutelas 2000' class='pt-cv-tax-tutelas-2000'>Tutelas 2000<\/a><\/div>\n<h4 class=\"pt-cv-title\"><a href=\"https:\/\/www.dmsjuridica.com\/buscador_20179478954\/corteconstitucionalcronologico202454587\/t-236-00\/\" class=\"_self\" target=\"_self\" >T-236-00<\/a><\/h4>\n<div class=\"pt-cv-content\">\u00a0 \u00a0 Sentencia T-236\/00 \u00a0 AGENCIA OFICIOSA EN TUTELA-Hijo en representaci\u00f3n de padre enfermo \u00a0 Observa la Sala que la acci\u00f3n de tutela fue instaurada en representaci\u00f3n del padre, \u00a0quien \u201cest\u00e1 muy delicado de salud\u201d, seg\u00fan se afirma en el escrito de tutela, pues padece de c\u00e1ncer en la pr\u00f3stata, adem\u00e1s de que cuenta con 77 a\u00f1os de edad. No se afirma categ\u00f3ricamente que el afectado est\u00e9 imposibilitado para promover su propia defensa, pero, en aras de salvaguardar el Derecho sustancial seg\u00fan lo ordena el art\u00edculo 228 de la Constituci\u00f3n y teniendo en cuenta las circunstancias de edad y salud ...<br \/><div class=\"pt-cv-rmwrap\"><a href=\"https:\/\/www.dmsjuridica.com\/buscador_20179478954\/corteconstitucionalcronologico202454587\/t-236-00\/\" class=\"_self pt-cv-readmore btn btn-success\" target=\"_self\">Ver Sentencia Completa...<\/a><\/div><\/div><\/div><\/div>\n<div class=\"col-md-12 col-sm-12 col-xs-12 pt-cv-content-item pt-cv-1-col\" ><div class='pt-cv-ifield'><a href=\"https:\/\/www.dmsjuridica.com\/buscador_20179478954\/corteconstitucionalcronologico202454587\/t-235-00\/\" class=\"_self pt-cv-href-thumbnail pt-cv-thumb-default\" target=\"_self\" ><\/a>\n<div class=\"pt-cv-taxoterm above_title\"><a href='https:\/\/www.dmsjuridica.com\/buscador_20179478954\/corteconstitucionalcronologico202454587\/category\/buscar-en-toda-la-corte\/2000\/tutelas-2000\/' title='Tutelas 2000' class='pt-cv-tax-tutelas-2000'>Tutelas 2000<\/a><\/div>\n<h4 class=\"pt-cv-title\"><a href=\"https:\/\/www.dmsjuridica.com\/buscador_20179478954\/corteconstitucionalcronologico202454587\/t-235-00\/\" class=\"_self\" target=\"_self\" >T-235-00<\/a><\/h4>\n<div class=\"pt-cv-content\">\u00a0 \u00a0 Sentencia T-235\/00 \u00a0 DERECHO A LA SALUD-Incumplimiento del empleador en trasladar recursos propios y del trabajador para seguridad social \u00a0 Referencia: expediente T-257353 \u00a0 Acci\u00f3n de tutela incoada por Rosmery Alarc\u00f3n Nieves y otros contra el Seguro Social, Seccional Valledupar \u00a0 Magistrado Ponente: \u00a0 Dr. JOS\u00c9 GREGORIO HERN\u00c1NDEZ GALINDO\u00a0 \u00a0 Aprobada en Santa Fe de Bogot\u00e1, D.C., tres (3) de marzo de dos mil (2000). \u00a0 La Sala Quinta de Revisi\u00f3n de la Corte Constitucional, en ejercicio de sus competencias constitucionales y legales, espec\u00edficamente las previstas en los art\u00edculos 86 y 241, numeral 9, de la Constituci\u00f3n Pol\u00edtica ...<br \/><div class=\"pt-cv-rmwrap\"><a href=\"https:\/\/www.dmsjuridica.com\/buscador_20179478954\/corteconstitucionalcronologico202454587\/t-235-00\/\" class=\"_self pt-cv-readmore btn btn-success\" target=\"_self\">Ver Sentencia Completa...<\/a><\/div><\/div><\/div><\/div>\n<div class=\"col-md-12 col-sm-12 col-xs-12 pt-cv-content-item pt-cv-1-col\" ><div class='pt-cv-ifield'><a href=\"https:\/\/www.dmsjuridica.com\/buscador_20179478954\/corteconstitucionalcronologico202454587\/t-234-00\/\" class=\"_self pt-cv-href-thumbnail pt-cv-thumb-default\" target=\"_self\" ><\/a>\n<div class=\"pt-cv-taxoterm above_title\"><a href='https:\/\/www.dmsjuridica.com\/buscador_20179478954\/corteconstitucionalcronologico202454587\/category\/buscar-en-toda-la-corte\/2000\/tutelas-2000\/' title='Tutelas 2000' class='pt-cv-tax-tutelas-2000'>Tutelas 2000<\/a><\/div>\n<h4 class=\"pt-cv-title\"><a href=\"https:\/\/www.dmsjuridica.com\/buscador_20179478954\/corteconstitucionalcronologico202454587\/t-234-00\/\" class=\"_self\" target=\"_self\" >T-234-00<\/a><\/h4>\n<div class=\"pt-cv-content\">\u00a0 \u00a0 Sentencia T-234\/00 \u00a0 ACCION DE TUTELA-Procedencia excepcional pago de acreencias laborales \u00a0 Referencia: expediente T-257023\u00a0 \u00a0 Acci\u00f3n de tutela instaurada por Santiago Hernandez Navarro contra el Gobernador del Huila \u00a0 Magistrado Ponente:\u00a0 \u00a0 Dr. JOS\u00c9 GREGORIO HERN\u00c1NDEZ GALINDO \u00a0 Santa Fe de Bogot\u00e1, D.C., tres (3) de marzo de dos mil (2000). \u00a0 La Sala Quinta de Revisi\u00f3n de la Corte Constitucional, en ejercicio de sus competencias constitucionales y legales, espec\u00edficamente las previstas en los art\u00edculos 86 y 241, numeral 9, de la Constituci\u00f3n Pol\u00edtica y en el Decreto 2591 de 1991, ha proferido la siguiente \u00a0 SENTENCIA\u00a0 ...<br \/><div class=\"pt-cv-rmwrap\"><a href=\"https:\/\/www.dmsjuridica.com\/buscador_20179478954\/corteconstitucionalcronologico202454587\/t-234-00\/\" class=\"_self pt-cv-readmore btn btn-success\" target=\"_self\">Ver Sentencia Completa...<\/a><\/div><\/div><\/div><\/div>\n<div class=\"col-md-12 col-sm-12 col-xs-12 pt-cv-content-item pt-cv-1-col\" ><div class='pt-cv-ifield'><a href=\"https:\/\/www.dmsjuridica.com\/buscador_20179478954\/corteconstitucionalcronologico202454587\/t-233-00\/\" class=\"_self pt-cv-href-thumbnail pt-cv-thumb-default\" target=\"_self\" ><\/a>\n<div class=\"pt-cv-taxoterm above_title\"><a href='https:\/\/www.dmsjuridica.com\/buscador_20179478954\/corteconstitucionalcronologico202454587\/category\/buscar-en-toda-la-corte\/2000\/tutelas-2000\/' title='Tutelas 2000' class='pt-cv-tax-tutelas-2000'>Tutelas 2000<\/a><\/div>\n<h4 class=\"pt-cv-title\"><a href=\"https:\/\/www.dmsjuridica.com\/buscador_20179478954\/corteconstitucionalcronologico202454587\/t-233-00\/\" class=\"_self\" target=\"_self\" >T-233-00<\/a><\/h4>\n<div class=\"pt-cv-content\">\u00a0 \u00a0 Sentencia T-233\/00 \u00a0 ACCION DE TUTELA-Procedencia excepcional pago de acreencias laborales \u00a0 SENTENCIA DE TUTELA-Reforma por no ajustarse a derecho \u00a0 Referencia: expediente T-256851 \u00a0 Acci\u00f3n de tutela incoada por Jos\u00e9 Roberto Buenaventura Rodr\u00edguez contra el Departamento del Tolima. \u00a0 Magistrado Ponente: \u00a0 Dr. JOS\u00c9 GREGORIO HERN\u00c1NDEZ GALINDO\u00a0 \u00a0 Aprobada en Santa Fe de Bogot\u00e1, D.C., tres (3) de marzo de dos mil (2000). \u00a0 La Sala Quinta de Revisi\u00f3n de la Corte Constitucional, en ejercicio de sus competencias constitucionales y legales, espec\u00edficamente las previstas en los art\u00edculos 86 y 241, numeral 9, de la Constituci\u00f3n Pol\u00edtica y ...<br \/><div class=\"pt-cv-rmwrap\"><a href=\"https:\/\/www.dmsjuridica.com\/buscador_20179478954\/corteconstitucionalcronologico202454587\/t-233-00\/\" class=\"_self pt-cv-readmore btn btn-success\" target=\"_self\">Ver Sentencia Completa...<\/a><\/div><\/div><\/div><\/div>\n<div class=\"col-md-12 col-sm-12 col-xs-12 pt-cv-content-item pt-cv-1-col\" ><div class='pt-cv-ifield'><a href=\"https:\/\/www.dmsjuridica.com\/buscador_20179478954\/corteconstitucionalcronologico202454587\/t-232-00\/\" class=\"_self pt-cv-href-thumbnail pt-cv-thumb-default\" target=\"_self\" ><\/a>\n<div class=\"pt-cv-taxoterm above_title\"><a href='https:\/\/www.dmsjuridica.com\/buscador_20179478954\/corteconstitucionalcronologico202454587\/category\/buscar-en-toda-la-corte\/2000\/tutelas-2000\/' title='Tutelas 2000' class='pt-cv-tax-tutelas-2000'>Tutelas 2000<\/a><\/div>\n<h4 class=\"pt-cv-title\"><a href=\"https:\/\/www.dmsjuridica.com\/buscador_20179478954\/corteconstitucionalcronologico202454587\/t-232-00\/\" class=\"_self\" target=\"_self\" >T-232-00<\/a><\/h4>\n<div class=\"pt-cv-content\">\u00a0 \u00a0 Sentencia T-232\/00 \u00a0 MEDIO DE DEFENSA JUDICIAL-Expedici\u00f3n de acto de reconocimiento de pensi\u00f3n sanci\u00f3n ordenado en proceso ordinario \u00a0 ACCION DE TUTELA-Subsidiariedad \u00a0 Referencia: expediente T-256641 \u00a0 Acci\u00f3n de tutela incoada por Carlos Ramiro Higuera contra Santa Fe de Bogot\u00e1, D.C. \u00a0 Magistrado Ponente: \u00a0 Dr. JOS\u00c9 GREGORIO HERN\u00c1NDEZ GALINDO\u00a0 \u00a0 Santa Fe de Bogot\u00e1, D.C., tres (3) de marzo de dos mil (2000). \u00a0 La Sala Quinta de Revisi\u00f3n de la Corte Constitucional, en ejercicio de sus competencias constitucionales y legales, espec\u00edficamente las previstas en los art\u00edculos 86 y 241, numeral 9, de la Constituci\u00f3n Pol\u00edtica y ...<br \/><div class=\"pt-cv-rmwrap\"><a href=\"https:\/\/www.dmsjuridica.com\/buscador_20179478954\/corteconstitucionalcronologico202454587\/t-232-00\/\" class=\"_self pt-cv-readmore btn btn-success\" target=\"_self\">Ver Sentencia Completa...<\/a><\/div><\/div><\/div><\/div>\n<div class=\"col-md-12 col-sm-12 col-xs-12 pt-cv-content-item pt-cv-1-col\" ><div class='pt-cv-ifield'><a href=\"https:\/\/www.dmsjuridica.com\/buscador_20179478954\/corteconstitucionalcronologico202454587\/t-231-00\/\" class=\"_self pt-cv-href-thumbnail pt-cv-thumb-default\" target=\"_self\" ><\/a>\n<div class=\"pt-cv-taxoterm above_title\"><a href='https:\/\/www.dmsjuridica.com\/buscador_20179478954\/corteconstitucionalcronologico202454587\/category\/buscar-en-toda-la-corte\/2000\/tutelas-2000\/' title='Tutelas 2000' class='pt-cv-tax-tutelas-2000'>Tutelas 2000<\/a><\/div>\n<h4 class=\"pt-cv-title\"><a href=\"https:\/\/www.dmsjuridica.com\/buscador_20179478954\/corteconstitucionalcronologico202454587\/t-231-00\/\" class=\"_self\" target=\"_self\" >T-231-00<\/a><\/h4>\n<div class=\"pt-cv-content\">\u00a0 \u00a0 Sentencia T-231\/00 \u00a0 DERECHO A LA VIDA DIGNA-Pago oportuno de salarios \u00a0 DERECHO AL MINIMO VITAL DEL TRABAJADOR-Pago oportuno de salarios \u00a0 Referencia: expediente T-256363 \u00a0 Acci\u00f3n de tutela instaurada por F\u00e9lix Antonio Valencia Moreno y Josu\u00e9 Andrade Mosquera contra el Municipio de Istmina- Choc\u00f3. \u00a0 Magistrado Ponente: \u00a0 Dr. JOS\u00c9 GREGORIO HERN\u00c1NDEZ GALINDO \u00a0 Santa Fe de Bogot\u00e1 D.C., tres (3) de marzo de dos mil (2000). \u00a0 SENTENCIA \u00a0 que pone fin al proceso de revisi\u00f3n del fallo dictado por el Juzgado Promiscuo Municipal de Istmina (Choc\u00f3), al resolver sobre la acci\u00f3n de tutela instaurada por ...<br \/><div class=\"pt-cv-rmwrap\"><a href=\"https:\/\/www.dmsjuridica.com\/buscador_20179478954\/corteconstitucionalcronologico202454587\/t-231-00\/\" class=\"_self pt-cv-readmore btn btn-success\" target=\"_self\">Ver Sentencia Completa...<\/a><\/div><\/div><\/div><\/div>\n<div class=\"col-md-12 col-sm-12 col-xs-12 pt-cv-content-item pt-cv-1-col\" ><div class='pt-cv-ifield'><a href=\"https:\/\/www.dmsjuridica.com\/buscador_20179478954\/corteconstitucionalcronologico202454587\/t-230-00\/\" class=\"_self pt-cv-href-thumbnail pt-cv-thumb-default\" target=\"_self\" ><\/a>\n<div class=\"pt-cv-taxoterm above_title\"><a href='https:\/\/www.dmsjuridica.com\/buscador_20179478954\/corteconstitucionalcronologico202454587\/category\/buscar-en-toda-la-corte\/2000\/tutelas-2000\/' title='Tutelas 2000' class='pt-cv-tax-tutelas-2000'>Tutelas 2000<\/a><\/div>\n<h4 class=\"pt-cv-title\"><a href=\"https:\/\/www.dmsjuridica.com\/buscador_20179478954\/corteconstitucionalcronologico202454587\/t-230-00\/\" class=\"_self\" target=\"_self\" >T-230-00<\/a><\/h4>\n<div class=\"pt-cv-content\">\u00a0 \u00a0 Sentencia T-230\/00 \u00a0 ACCION DE TUTELA-Procedencia excepcional pago de acreencias laborales \u00a0 DERECHO AL MINIMO VITAL DEL PENSIONADO-Pago oportuno de mesadas \u00a0 MUNICIPIO-Situaci\u00f3n econ\u00f3mica o presupuestal no es \u00f3bice para desconocer obligaciones laborales \u00a0 FONDO NACIONAL DE PENSIONES DE ENTIDADES TERRITORIALES-Pago de mesadas \u00a0 ACCION DE TUTELA TEMERARIA-Inexistencia por condiciones distintas y rechazo de demanda inicial \u00a0 Referencia: expediente T-256066\u00a0 \u00a0 Acci\u00f3n de tutela instaurada por Luz Marina Prada Viuda de Su\u00e1rez y otros contra el Municipio de Guamo (Tolima). \u00a0 Magistrado Ponente:\u00a0 \u00a0 Dr. JOS\u00c9 GREGORIO HERN\u00c1NDEZ GALINDO \u00a0 Santa Fe de Bogot\u00e1, D.C., tres (3) de ...<br \/><div class=\"pt-cv-rmwrap\"><a href=\"https:\/\/www.dmsjuridica.com\/buscador_20179478954\/corteconstitucionalcronologico202454587\/t-230-00\/\" class=\"_self pt-cv-readmore btn btn-success\" target=\"_self\">Ver Sentencia Completa...<\/a><\/div><\/div><\/div><\/div>\n<div class=\"col-md-12 col-sm-12 col-xs-12 pt-cv-content-item pt-cv-1-col\" ><div class='pt-cv-ifield'><a href=\"https:\/\/www.dmsjuridica.com\/buscador_20179478954\/corteconstitucionalcronologico202454587\/t-229-00\/\" class=\"_self pt-cv-href-thumbnail pt-cv-thumb-default\" target=\"_self\" ><\/a>\n<div class=\"pt-cv-taxoterm above_title\"><a href='https:\/\/www.dmsjuridica.com\/buscador_20179478954\/corteconstitucionalcronologico202454587\/category\/buscar-en-toda-la-corte\/2000\/tutelas-2000\/' title='Tutelas 2000' class='pt-cv-tax-tutelas-2000'>Tutelas 2000<\/a><\/div>\n<h4 class=\"pt-cv-title\"><a href=\"https:\/\/www.dmsjuridica.com\/buscador_20179478954\/corteconstitucionalcronologico202454587\/t-229-00\/\" class=\"_self\" target=\"_self\" >T-229-00<\/a><\/h4>\n<div class=\"pt-cv-content\">\u00a0 \u00a0 Sentencia T-229\/00 \u00a0 DERECHO A LA VIDA DIGNA-Alcance \u00a0 DERECHO A LA INTEGRIDAD PERSONAL-Dolor\/DERECHO A \u00a0LA VIDA DIGNA-Dolor \u00a0 No solamente aquellas actuaciones u omisiones que conducen a la extinci\u00f3n de la persona como tal, o que la ponen en peligro de desaparecer, son contrarias a la referida disposici\u00f3n superior, sino tambi\u00e9n todas las que incomodan su existencia hasta el punto de hacerla insoportable. Una de ellas, ha dicho la Corte, es el dolor cuando puede evitarse o suprimirse, cuya extensi\u00f3n injustificada no s\u00f3lo amenaza, sino que vulnera efectivamente el derecho a la integridad personal y afecta la ...<br \/><div class=\"pt-cv-rmwrap\"><a href=\"https:\/\/www.dmsjuridica.com\/buscador_20179478954\/corteconstitucionalcronologico202454587\/t-229-00\/\" class=\"_self pt-cv-readmore btn btn-success\" target=\"_self\">Ver Sentencia Completa...<\/a><\/div><\/div><\/div><\/div>\n<div class=\"col-md-12 col-sm-12 col-xs-12 pt-cv-content-item pt-cv-1-col\" ><div class='pt-cv-ifield'><a href=\"https:\/\/www.dmsjuridica.com\/buscador_20179478954\/corteconstitucionalcronologico202454587\/t-228-00\/\" class=\"_self pt-cv-href-thumbnail pt-cv-thumb-default\" target=\"_self\" ><\/a>\n<div class=\"pt-cv-taxoterm above_title\"><a href='https:\/\/www.dmsjuridica.com\/buscador_20179478954\/corteconstitucionalcronologico202454587\/category\/buscar-en-toda-la-corte\/2000\/tutelas-2000\/' title='Tutelas 2000' class='pt-cv-tax-tutelas-2000'>Tutelas 2000<\/a><\/div>\n<h4 class=\"pt-cv-title\"><a href=\"https:\/\/www.dmsjuridica.com\/buscador_20179478954\/corteconstitucionalcronologico202454587\/t-228-00\/\" class=\"_self\" target=\"_self\" >T-228-00<\/a><\/h4>\n<div class=\"pt-cv-content\">\u00a0 \u00a0 Sentencia T-228\/00 \u00a0 ENFERMEDADES DE ALTO COSTO-Cotizaci\u00f3n de un n\u00famero m\u00ednimo de semanas o asunci\u00f3n de lo que falta \u00a0 INAPLICACION DE NORMAS DEL PLAN OBLIGATORIO DE SALUD-Suministro de tratamiento de alto costo sin cumplir periodo m\u00ednimo de cotizaci\u00f3n en persona de escasos recursos \u00a0 ENFERMEDADES DE ALTO COSTO-Periodo m\u00ednimo de cotizaci\u00f3n no es extensivo a casos de urgencia \u00a0 DERECHO A LA SALUD-Periodo m\u00ednimo de cotizaci\u00f3n no es extensivo a casos de urgencia para enfermedades de alto costo \u00a0 DERECHO A LA VIDA-No se le puede anteponer intereses econ\u00f3micos o consideraciones menores \u00a0 DERECHO A LA SALUD ...<br \/><div class=\"pt-cv-rmwrap\"><a href=\"https:\/\/www.dmsjuridica.com\/buscador_20179478954\/corteconstitucionalcronologico202454587\/t-228-00\/\" class=\"_self pt-cv-readmore btn btn-success\" target=\"_self\">Ver Sentencia Completa...<\/a><\/div><\/div><\/div><\/div>\n<div class=\"col-md-12 col-sm-12 col-xs-12 pt-cv-content-item pt-cv-1-col\" ><div class='pt-cv-ifield'><a href=\"https:\/\/www.dmsjuridica.com\/buscador_20179478954\/corteconstitucionalcronologico202454587\/t-227-00\/\" class=\"_self pt-cv-href-thumbnail pt-cv-thumb-default\" target=\"_self\" ><\/a>\n<div class=\"pt-cv-taxoterm above_title\"><a href='https:\/\/www.dmsjuridica.com\/buscador_20179478954\/corteconstitucionalcronologico202454587\/category\/buscar-en-toda-la-corte\/2000\/tutelas-2000\/' title='Tutelas 2000' class='pt-cv-tax-tutelas-2000'>Tutelas 2000<\/a><\/div>\n<h4 class=\"pt-cv-title\"><a href=\"https:\/\/www.dmsjuridica.com\/buscador_20179478954\/corteconstitucionalcronologico202454587\/t-227-00\/\" class=\"_self\" target=\"_self\" >T-227-00<\/a><\/h4>\n<div class=\"pt-cv-content\">\u00a0 \u00a0 Sentencia T-227\/00 \u00a0 PRINCIPIO DE CONTINUIDAD EN EL SERVICIO DE SALUD-Dilaciones en orden para cirug\u00eda \u00a0 SEGURO SOCIAL-Demora injustificada en efectuar cirug\u00eda \u00a0 DERECHO A LA SALUD-Demora injustificada en efectuar cirug\u00eda \u00a0 DERECHO A LA VIDA PLENA-Demora injustificada en efectuar cirug\u00eda \u00a0 DERECHO A LA SALUD-Prevenci\u00f3n \u00a0 DERECHO A LA INTEGRIDAD PERSONAL-Extensi\u00f3n injustificada de dolencia o disfuncionalidad en la salud \u00a0 Referencia: expediente T-255238 \u00a0 Acci\u00f3n de tutela instaurada por Maria Dolly Mateus contra el Seguro Social, Seccional Valle del Cauca. \u00a0 Magistrado Ponente: \u00a0 Dr. JOS\u00c9 GREGORIO HERN\u00c1NDEZ GALINDO \u00a0 Santa Fe de Bogot\u00e1, D.C., tres (3) ...<br \/><div class=\"pt-cv-rmwrap\"><a href=\"https:\/\/www.dmsjuridica.com\/buscador_20179478954\/corteconstitucionalcronologico202454587\/t-227-00\/\" class=\"_self pt-cv-readmore btn btn-success\" target=\"_self\">Ver Sentencia Completa...<\/a><\/div><\/div><\/div><\/div>\n<div class=\"col-md-12 col-sm-12 col-xs-12 pt-cv-content-item pt-cv-1-col\" ><div class='pt-cv-ifield'><a href=\"https:\/\/www.dmsjuridica.com\/buscador_20179478954\/corteconstitucionalcronologico202454587\/t-226-00\/\" class=\"_self pt-cv-href-thumbnail pt-cv-thumb-default\" target=\"_self\" ><\/a>\n<div class=\"pt-cv-taxoterm above_title\"><a href='https:\/\/www.dmsjuridica.com\/buscador_20179478954\/corteconstitucionalcronologico202454587\/category\/buscar-en-toda-la-corte\/2000\/tutelas-2000\/' title='Tutelas 2000' class='pt-cv-tax-tutelas-2000'>Tutelas 2000<\/a><\/div>\n<h4 class=\"pt-cv-title\"><a href=\"https:\/\/www.dmsjuridica.com\/buscador_20179478954\/corteconstitucionalcronologico202454587\/t-226-00\/\" class=\"_self\" target=\"_self\" >T-226-00<\/a><\/h4>\n<div class=\"pt-cv-content\">\u00a0 \u00a0 Sentencia T-226\/00 \u00a0 ACCION DE TUTELA-Procedencia excepcional pago de acreencias laborales \u00a0 ESTABLECIMIENTO HOSPITALARIO-Situaci\u00f3n econ\u00f3mica o presupuestal no es \u00f3bice para desconocer obligaciones laborales \u00a0 DERECHO AL PAGO OPORTUNO DEL SALARIO-Fundamental \u00a0 DERECHO AL MINIMO VITAL DEL TRABAJADOR-Pago oportuno de salarios \u00a0 Referencia: expediente T-260052\u00a0 \u00a0 Acci\u00f3n de tutela instaurada por Ofelia Rebolledo contra Hospital Departamental \"Mario Correa Rengifo\". \u00a0 Magistrado Ponente: \u00a0 Dr. JOS\u00c9 GREGORIO HERN\u00c1NDEZ GALINDO \u00a0 Santa Fe de Bogot\u00e1 D.C., dos (2) de marzo de dos mil (2000) \u00a0 La Sala Quinta de Revisi\u00f3n de la Corte Constitucional, en ejercicio de sus competencias constitucionales ...<br \/><div class=\"pt-cv-rmwrap\"><a href=\"https:\/\/www.dmsjuridica.com\/buscador_20179478954\/corteconstitucionalcronologico202454587\/t-226-00\/\" class=\"_self pt-cv-readmore btn btn-success\" target=\"_self\">Ver Sentencia Completa...<\/a><\/div><\/div><\/div><\/div>\n<div class=\"col-md-12 col-sm-12 col-xs-12 pt-cv-content-item pt-cv-1-col\" ><div class='pt-cv-ifield'><a href=\"https:\/\/www.dmsjuridica.com\/buscador_20179478954\/corteconstitucionalcronologico202454587\/t-225-00\/\" class=\"_self pt-cv-href-thumbnail pt-cv-thumb-default\" target=\"_self\" ><\/a>\n<div class=\"pt-cv-taxoterm above_title\"><a href='https:\/\/www.dmsjuridica.com\/buscador_20179478954\/corteconstitucionalcronologico202454587\/category\/buscar-en-toda-la-corte\/2000\/tutelas-2000\/' title='Tutelas 2000' class='pt-cv-tax-tutelas-2000'>Tutelas 2000<\/a><\/div>\n<h4 class=\"pt-cv-title\"><a href=\"https:\/\/www.dmsjuridica.com\/buscador_20179478954\/corteconstitucionalcronologico202454587\/t-225-00\/\" class=\"_self\" target=\"_self\" >T-225-00<\/a><\/h4>\n<div class=\"pt-cv-content\">\u00a0 \u00a0 Sentencia T-225\/00 \u00a0 DERECHO AL PAGO OPORTUNO DEL SALARIO-Fundamental \u00a0 REMUNERACION MINIMA VITAL Y MOVIL-No debe limitarse protecci\u00f3n a retribuci\u00f3n m\u00ednima de trabajo \u00a0 EMPLEADOR-Falta de presupuesto o insolvencia para pago oportuno de salarios no es raz\u00f3n suficiente \u00a0 DERECHO A LA SUBSISTENCIA DEL PENSIONADO-Pago oportuno de mesadas \u00a0 Y si el pago de los salarios se reconoce como un derecho fundamental por su \u00edntima conexi\u00f3n con derechos fundamentales como el trabajo, la subsistencia o la dignidad, con mayor raz\u00f3n debe aceptarse ese car\u00e1cter en el caso de los pagos de las mesadas pensionales, pues, por definici\u00f3n, la ...<br \/><div class=\"pt-cv-rmwrap\"><a href=\"https:\/\/www.dmsjuridica.com\/buscador_20179478954\/corteconstitucionalcronologico202454587\/t-225-00\/\" class=\"_self pt-cv-readmore btn btn-success\" target=\"_self\">Ver Sentencia Completa...<\/a><\/div><\/div><\/div><\/div>\n<div class=\"col-md-12 col-sm-12 col-xs-12 pt-cv-content-item pt-cv-1-col\" ><div class='pt-cv-ifield'><a href=\"https:\/\/www.dmsjuridica.com\/buscador_20179478954\/corteconstitucionalcronologico202454587\/t-224-00\/\" class=\"_self pt-cv-href-thumbnail pt-cv-thumb-default\" target=\"_self\" ><\/a>\n<div class=\"pt-cv-taxoterm above_title\"><a href='https:\/\/www.dmsjuridica.com\/buscador_20179478954\/corteconstitucionalcronologico202454587\/category\/buscar-en-toda-la-corte\/2000\/tutelas-2000\/' title='Tutelas 2000' class='pt-cv-tax-tutelas-2000'>Tutelas 2000<\/a><\/div>\n<h4 class=\"pt-cv-title\"><a href=\"https:\/\/www.dmsjuridica.com\/buscador_20179478954\/corteconstitucionalcronologico202454587\/t-224-00\/\" class=\"_self\" target=\"_self\" >T-224-00<\/a><\/h4>\n<div class=\"pt-cv-content\">\u00a0 \u00a0 Sentencia T-224\/00 \u00a0 ACCION DE TUTELA-Procedencia excepcional pago de acreencias laborales \u00a0 ESTABLECIMIENTO HOSPITALARIO-Situaci\u00f3n econ\u00f3mica o presupuestal no es \u00f3bice para desconocer obligaciones laborales \u00a0 DERECHO AL PAGO OPORTUNO DEL SALARIO-Fundamental \u00a0 MEDIO DE DEFENSA JUDICIAL INEFICAZ-Pago oportuno de salarios \u00a0 DERECHO AL MINIMO VITAL DEL TRABAJADOR-Pago oportuno de salarios \u00a0 DERECHO AL MINIMO VITAL DEL TRABAJADOR-Presunci\u00f3n de afectaci\u00f3n por ausencia prolongada en pago de salarios \u00a0 Referencia: expediente T-258032 \u00a0 Acci\u00f3n de tutela instaurada por Maria Isabel Palma De Bonilla contra el Hospital Reina Sof\u00eda de Espa\u00f1a, de L\u00e9rida (Tolima).\u00a0 \u00a0 Magistrado Ponente: \u00a0 Dr. JOS\u00c9 GREGORIO ...<br \/><div class=\"pt-cv-rmwrap\"><a href=\"https:\/\/www.dmsjuridica.com\/buscador_20179478954\/corteconstitucionalcronologico202454587\/t-224-00\/\" class=\"_self pt-cv-readmore btn btn-success\" target=\"_self\">Ver Sentencia Completa...<\/a><\/div><\/div><\/div><\/div>\n<div class=\"col-md-12 col-sm-12 col-xs-12 pt-cv-content-item pt-cv-1-col\" ><div class='pt-cv-ifield'><a href=\"https:\/\/www.dmsjuridica.com\/buscador_20179478954\/corteconstitucionalcronologico202454587\/t-223-00\/\" class=\"_self pt-cv-href-thumbnail pt-cv-thumb-default\" target=\"_self\" ><\/a>\n<div class=\"pt-cv-taxoterm above_title\"><a href='https:\/\/www.dmsjuridica.com\/buscador_20179478954\/corteconstitucionalcronologico202454587\/category\/buscar-en-toda-la-corte\/2000\/tutelas-2000\/' title='Tutelas 2000' class='pt-cv-tax-tutelas-2000'>Tutelas 2000<\/a><\/div>\n<h4 class=\"pt-cv-title\"><a href=\"https:\/\/www.dmsjuridica.com\/buscador_20179478954\/corteconstitucionalcronologico202454587\/t-223-00\/\" class=\"_self\" target=\"_self\" >T-223-00<\/a><\/h4>\n<div class=\"pt-cv-content\">ACCION DE TUTELA-Procedencia excepcional pago de acreencias laborales\/DERECHO AL MINIMO VITAL DEL PENSIONADO-Pago oportuno de mesadas \u00a0 EMPLEADOR-Situaci\u00f3n econ\u00f3mica o presupuestal no es \u00f3bice para desconocer obligaciones laborales \u00a0 Referencia: expediente T-257982\u00a0 \u00a0 Acci\u00f3n de tutela instaurada por Isabel Arce Meneses contra la Empresa Social del Estado Hospital Regional \"San Juan de Dios\" de V\u00e9lez. \u00a0 Magistrado Ponente: \u00a0 Dr. JOS\u00c9 GREGORIO HERN\u00c1NDEZ GALINDO \u00a0 Santa Fe de Bogot\u00e1 D.C., tres (3) de marzo de dos mil (2000). \u00a0 La Sala Quinta de Revisi\u00f3n de la Corte Constitucional, en ejercicio de sus competencias constitucionales y legales, espec\u00edficamente las previstas en ...<br \/><div class=\"pt-cv-rmwrap\"><a href=\"https:\/\/www.dmsjuridica.com\/buscador_20179478954\/corteconstitucionalcronologico202454587\/t-223-00\/\" class=\"_self pt-cv-readmore btn btn-success\" target=\"_self\">Ver Sentencia Completa...<\/a><\/div><\/div><\/div><\/div>\n<div class=\"col-md-12 col-sm-12 col-xs-12 pt-cv-content-item pt-cv-1-col\" ><div class='pt-cv-ifield'><a href=\"https:\/\/www.dmsjuridica.com\/buscador_20179478954\/corteconstitucionalcronologico202454587\/t-222-00\/\" class=\"_self pt-cv-href-thumbnail pt-cv-thumb-default\" target=\"_self\" ><\/a>\n<div class=\"pt-cv-taxoterm above_title\"><a href='https:\/\/www.dmsjuridica.com\/buscador_20179478954\/corteconstitucionalcronologico202454587\/category\/buscar-en-toda-la-corte\/2000\/tutelas-2000\/' title='Tutelas 2000' class='pt-cv-tax-tutelas-2000'>Tutelas 2000<\/a><\/div>\n<h4 class=\"pt-cv-title\"><a href=\"https:\/\/www.dmsjuridica.com\/buscador_20179478954\/corteconstitucionalcronologico202454587\/t-222-00\/\" class=\"_self\" target=\"_self\" >T-222-00<\/a><\/h4>\n<div class=\"pt-cv-content\">\u00a0 \u00a0 Sentencia T-222\/00 \u00a0 ACCION DE TUTELA-Procedencia excepcional pago de acreencias laborales \u00a0 DERECHO AL MINIMO VITAL DEL TRABAJADOR-Pago oportuno de salarios \u00a0 MEDIO DE DEFENSA JUDICIAL INEFICAZ-Pago oportuno de salarios \u00a0 DERECHO AL PAGO OPORTUNO DEL SALARIO-Fundamental \u00a0 EMPLEADOR-Situaci\u00f3n econ\u00f3mica o presupuestal no es \u00f3bice para desconocer obligaciones laborales \u00a0 DERECHO AL MINIMO VITAL DEL TRABAJADOR-Peque\u00f1os ingresos no son suficientes para garantizar sostenimiento \u00a0 SALARIO-Consecuencia directa del derecho al trabajo\/SALARIO-Pago oportuno con independencia de lo recibido por otro miembro de la familia \u00a0 El salario es una consecuencia directa del derecho al trabajo, puesto que es la justa ...<br \/><div class=\"pt-cv-rmwrap\"><a href=\"https:\/\/www.dmsjuridica.com\/buscador_20179478954\/corteconstitucionalcronologico202454587\/t-222-00\/\" class=\"_self pt-cv-readmore btn btn-success\" target=\"_self\">Ver Sentencia Completa...<\/a><\/div><\/div><\/div><\/div>\n<div class=\"col-md-12 col-sm-12 col-xs-12 pt-cv-content-item pt-cv-1-col\" ><div class='pt-cv-ifield'><a href=\"https:\/\/www.dmsjuridica.com\/buscador_20179478954\/corteconstitucionalcronologico202454587\/t-221-00\/\" class=\"_self pt-cv-href-thumbnail pt-cv-thumb-default\" target=\"_self\" ><\/a>\n<div class=\"pt-cv-taxoterm above_title\"><a href='https:\/\/www.dmsjuridica.com\/buscador_20179478954\/corteconstitucionalcronologico202454587\/category\/buscar-en-toda-la-corte\/2000\/tutelas-2000\/' title='Tutelas 2000' class='pt-cv-tax-tutelas-2000'>Tutelas 2000<\/a><\/div>\n<h4 class=\"pt-cv-title\"><a href=\"https:\/\/www.dmsjuridica.com\/buscador_20179478954\/corteconstitucionalcronologico202454587\/t-221-00\/\" class=\"_self\" target=\"_self\" >T-221-00<\/a><\/h4>\n<div class=\"pt-cv-content\">\u00a0 \u00a0 Sentencia T-221\/00 \u00a0 ACCION DE TUTELA-Procedencia excepcional pago de acreencias laborales \u00a0 DERECHO AL MINIMO VITAL DEL TRABAJADOR-Pago oportuno de salarios \u00a0 EMPLEADOR-Situaci\u00f3n econ\u00f3mica o presupuestal no es \u00f3bice para desconocer obligaciones laborales \u00a0 DERECHO AL PAGO OPORTUNO DEL SALARIO-Fundamental \u00a0 MEDIO DE DEFENSA JUDICIAL INEFICAZ-Pago oportuno de salarios \u00a0 DERECHO AL MINIMO VITAL DEL TRABAJADOR-Realizaci\u00f3n de pr\u00e9stamos y calidad de servidor p\u00fablico que hace incompatible devengar otros conceptos laborales \u00a0 Referencia: expediente T-256839 \u00a0 Acci\u00f3n de tutela instaurada Por Humberto Casta\u00f1eda Sarria contra Alcalde Municipal de Bel\u00e9n de los Andaqu\u00edes.\u00a0 \u00a0 Magistrado Ponente: \u00a0 Dr. JOS\u00c9 GREGORIO ...<br \/><div class=\"pt-cv-rmwrap\"><a href=\"https:\/\/www.dmsjuridica.com\/buscador_20179478954\/corteconstitucionalcronologico202454587\/t-221-00\/\" class=\"_self pt-cv-readmore btn btn-success\" target=\"_self\">Ver Sentencia Completa...<\/a><\/div><\/div><\/div><\/div>\n<div class=\"col-md-12 col-sm-12 col-xs-12 pt-cv-content-item pt-cv-1-col\" ><div class='pt-cv-ifield'><a href=\"https:\/\/www.dmsjuridica.com\/buscador_20179478954\/corteconstitucionalcronologico202454587\/t-220-00\/\" class=\"_self pt-cv-href-thumbnail pt-cv-thumb-default\" target=\"_self\" ><\/a>\n<div class=\"pt-cv-taxoterm above_title\"><a href='https:\/\/www.dmsjuridica.com\/buscador_20179478954\/corteconstitucionalcronologico202454587\/category\/buscar-en-toda-la-corte\/2000\/tutelas-2000\/' title='Tutelas 2000' class='pt-cv-tax-tutelas-2000'>Tutelas 2000<\/a><\/div>\n<h4 class=\"pt-cv-title\"><a href=\"https:\/\/www.dmsjuridica.com\/buscador_20179478954\/corteconstitucionalcronologico202454587\/t-220-00\/\" class=\"_self\" target=\"_self\" >T-220-00<\/a><\/h4>\n<div class=\"pt-cv-content\">\u00a0 \u00a0 Sentencia T-220\/00 \u00a0 ACCION DE TUTELA-Procedencia excepcional pago de acreencias laborales \u00a0 Referencia: Expediente T-256476 \u00a0 Acci\u00f3n de tutela instaurada por Mar\u00eda Luisa Rodr\u00edguez Guerrero contra Hospital \"San Juan de Dios\" de Cali \u00a0 Magistrado Ponente: \u00a0 Dr. JOS\u00c9 GREGORIO HERN\u00c1NDEZ GALINDO \u00a0 Santa Fe de Bogot\u00e1 D.C., dos (2) de marzo de dos mil (2000). \u00a0 La Sala Quinta de Revisi\u00f3n de la Corte Constitucional, en ejercicio de sus competencias constitucionales y legales, espec\u00edficamente las previstas en los art\u00edculos 86 y 241, numeral 9, de la Constituci\u00f3n Pol\u00edtica y en el Decreto 2591 de 1991, ha proferido ...<br \/><div class=\"pt-cv-rmwrap\"><a href=\"https:\/\/www.dmsjuridica.com\/buscador_20179478954\/corteconstitucionalcronologico202454587\/t-220-00\/\" class=\"_self pt-cv-readmore btn btn-success\" target=\"_self\">Ver Sentencia Completa...<\/a><\/div><\/div><\/div><\/div>\n<div class=\"col-md-12 col-sm-12 col-xs-12 pt-cv-content-item pt-cv-1-col\" ><div class='pt-cv-ifield'><a href=\"https:\/\/www.dmsjuridica.com\/buscador_20179478954\/corteconstitucionalcronologico202454587\/t-219-00\/\" class=\"_self pt-cv-href-thumbnail pt-cv-thumb-default\" target=\"_self\" ><\/a>\n<div class=\"pt-cv-taxoterm above_title\"><a href='https:\/\/www.dmsjuridica.com\/buscador_20179478954\/corteconstitucionalcronologico202454587\/category\/buscar-en-toda-la-corte\/2000\/tutelas-2000\/' title='Tutelas 2000' class='pt-cv-tax-tutelas-2000'>Tutelas 2000<\/a><\/div>\n<h4 class=\"pt-cv-title\"><a href=\"https:\/\/www.dmsjuridica.com\/buscador_20179478954\/corteconstitucionalcronologico202454587\/t-219-00\/\" class=\"_self\" target=\"_self\" >T-219-00<\/a><\/h4>\n<div class=\"pt-cv-content\">ACCION DE TUTELA-Procedencia excepcional pago de acreencias laborales \u00a0 Referencia: expediente T-256475 \u00a0 Acci\u00f3n de tutela instaurada por Hildebrando Antonio Rend\u00f3n Restrepo contra Hospital \"San Juan de Dios\" de Cali. \u00a0 Magistrado Ponente: \u00a0 Dr. JOS\u00c9 GREGORIO HERN\u00c1NDEZ GALINDO \u00a0 Santa Fe de Bogot\u00e1 D.C., dos (2) de marzo de dos mil (2000). \u00a0 La Sala Quinta de Revisi\u00f3n de la Corte Constitucional, en ejercicio de sus competencias constitucionales y legales, espec\u00edficamente las previstas en los art\u00edculos 86 y 241, numeral 9, de la Constituci\u00f3n Pol\u00edtica y en el Decreto 2591 de 1991, ha proferido la siguiente \u00a0 SENTENCIA \u00a0 ...<br \/><div class=\"pt-cv-rmwrap\"><a href=\"https:\/\/www.dmsjuridica.com\/buscador_20179478954\/corteconstitucionalcronologico202454587\/t-219-00\/\" class=\"_self pt-cv-readmore btn btn-success\" target=\"_self\">Ver Sentencia Completa...<\/a><\/div><\/div><\/div><\/div>\n<div class=\"col-md-12 col-sm-12 col-xs-12 pt-cv-content-item pt-cv-1-col\" ><div class='pt-cv-ifield'><a href=\"https:\/\/www.dmsjuridica.com\/buscador_20179478954\/corteconstitucionalcronologico202454587\/t-218-00\/\" class=\"_self pt-cv-href-thumbnail pt-cv-thumb-default\" target=\"_self\" ><\/a>\n<div class=\"pt-cv-taxoterm above_title\"><a href='https:\/\/www.dmsjuridica.com\/buscador_20179478954\/corteconstitucionalcronologico202454587\/category\/buscar-en-toda-la-corte\/2000\/tutelas-2000\/' title='Tutelas 2000' class='pt-cv-tax-tutelas-2000'>Tutelas 2000<\/a><\/div>\n<h4 class=\"pt-cv-title\"><a href=\"https:\/\/www.dmsjuridica.com\/buscador_20179478954\/corteconstitucionalcronologico202454587\/t-218-00\/\" class=\"_self\" target=\"_self\" >T-218-00<\/a><\/h4>\n<div class=\"pt-cv-content\">\u00a0 \u00a0 Sentencia T-218\/00 \u00a0 ACCION DE TUTELA-Procedencia excepcional pago de acreencias laborales \u00a0 Referencia: expediente T-256039 \u00a0 Acci\u00f3n de tutela instaurada por Jorge Eli\u00e9cer G\u00f3mez Ovalle contra \"Transautos Garz\u00f3n Ltda.\" \u00a0 Magistrado Ponente: \u00a0 Dr. JOS\u00c9 GREGORIO HERN\u00c1NDEZ GALINDO \u00a0 Santa Fe de Bogot\u00e1 D.C., dos (2) de marzo de dos mil (2000). \u00a0 La Sala Quinta de Revisi\u00f3n de la Corte Constitucional, en ejercicio de sus competencias constitucionales y legales, espec\u00edficamente las previstas en los art\u00edculos 86 y 241, numeral 9, de la Constituci\u00f3n Pol\u00edtica y en el Decreto 2591 de 1991, ha proferido la siguiente \u00a0 SENTENCIA ...<br \/><div class=\"pt-cv-rmwrap\"><a href=\"https:\/\/www.dmsjuridica.com\/buscador_20179478954\/corteconstitucionalcronologico202454587\/t-218-00\/\" class=\"_self pt-cv-readmore btn btn-success\" target=\"_self\">Ver Sentencia Completa...<\/a><\/div><\/div><\/div><\/div>\n<div class=\"col-md-12 col-sm-12 col-xs-12 pt-cv-content-item pt-cv-1-col\" ><div class='pt-cv-ifield'><a href=\"https:\/\/www.dmsjuridica.com\/buscador_20179478954\/corteconstitucionalcronologico202454587\/t-217-00\/\" class=\"_self pt-cv-href-thumbnail pt-cv-thumb-default\" target=\"_self\" ><\/a>\n<div class=\"pt-cv-taxoterm above_title\"><a href='https:\/\/www.dmsjuridica.com\/buscador_20179478954\/corteconstitucionalcronologico202454587\/category\/buscar-en-toda-la-corte\/2000\/tutelas-2000\/' title='Tutelas 2000' class='pt-cv-tax-tutelas-2000'>Tutelas 2000<\/a><\/div>\n<h4 class=\"pt-cv-title\"><a href=\"https:\/\/www.dmsjuridica.com\/buscador_20179478954\/corteconstitucionalcronologico202454587\/t-217-00\/\" class=\"_self\" target=\"_self\" >T-217-00<\/a><\/h4>\n<div class=\"pt-cv-content\">\u00a0 \u00a0 Sentencia T-217\/00 \u00a0 ACCION DE TUTELA-Procedencia excepcional pago de acreencias laborales \u00a0 Referencia: expedientes acumulados T-244839, T 244842, T-257608 y T-258411 \u00a0 Acci\u00f3n de tutela instaurada por Tom\u00e1s Ruiz G\u00f3mez y James Paul Correa Vasco, Juan Carlos S\u00e1nchez Barcasnegras y Ana Isabel Romero Moncares contra la Gobernaci\u00f3n del Departamento de Bol\u00edvar. \u00a0 Magistrado Ponente: \u00a0 Dr. JOS\u00c9 GREGORIO HERN\u00c1NDEZ GALINDO \u00a0 Santa Fe de Bogot\u00e1 D.C., dos (2) de marzo de dos mil \u00a0(2000). \u00a0 La Sala Quinta de Revisi\u00f3n de la Corte Constitucional, en ejercicio de sus competencias constitucionales y legales, espec\u00edficamente las previstas en los art\u00edculos ...<br \/><div class=\"pt-cv-rmwrap\"><a href=\"https:\/\/www.dmsjuridica.com\/buscador_20179478954\/corteconstitucionalcronologico202454587\/t-217-00\/\" class=\"_self pt-cv-readmore btn btn-success\" target=\"_self\">Ver Sentencia Completa...<\/a><\/div><\/div><\/div><\/div>\n<div class=\"col-md-12 col-sm-12 col-xs-12 pt-cv-content-item pt-cv-1-col\" ><div class='pt-cv-ifield'><a href=\"https:\/\/www.dmsjuridica.com\/buscador_20179478954\/corteconstitucionalcronologico202454587\/t-216-00\/\" class=\"_self pt-cv-href-thumbnail pt-cv-thumb-default\" target=\"_self\" ><\/a>\n<div class=\"pt-cv-taxoterm above_title\"><a href='https:\/\/www.dmsjuridica.com\/buscador_20179478954\/corteconstitucionalcronologico202454587\/category\/buscar-en-toda-la-corte\/2000\/tutelas-2000\/' title='Tutelas 2000' class='pt-cv-tax-tutelas-2000'>Tutelas 2000<\/a><\/div>\n<h4 class=\"pt-cv-title\"><a href=\"https:\/\/www.dmsjuridica.com\/buscador_20179478954\/corteconstitucionalcronologico202454587\/t-216-00\/\" class=\"_self\" target=\"_self\" >T-216-00<\/a><\/h4>\n<div class=\"pt-cv-content\">\u00a0 \u00a0 Sentencia T-216\/00 \u00a0 ACCION DE TUTELA-Procedencia excepcional pago de acreencias laborales \u00a0 Referencia: expediente T-241917 \u00a0 Acci\u00f3n de tutela incoada por Elizabeth Rico de G\u00f3mez contra el Departamento de Norte de Santander y la Secretar\u00eda de Educaci\u00f3n Departamental. \u00a0 Magistrado Ponente: \u00a0 Dr. JOS\u00c9 GREGORIO HERN\u00c1NDEZ GALINDO\u00a0 \u00a0 Aprobada en Santa Fe de Bogot\u00e1, D.C., el dos (2) de marzo de dos mil (2000). \u00a0 La Sala Quinta de Revisi\u00f3n de la Corte Constitucional, en ejercicio de sus competencias constitucionales y legales, espec\u00edficamente las previstas en los art\u00edculos 86 y 241, numeral 9, de la Constituci\u00f3n Pol\u00edtica y ...<br \/><div class=\"pt-cv-rmwrap\"><a href=\"https:\/\/www.dmsjuridica.com\/buscador_20179478954\/corteconstitucionalcronologico202454587\/t-216-00\/\" class=\"_self pt-cv-readmore btn btn-success\" target=\"_self\">Ver Sentencia Completa...<\/a><\/div><\/div><\/div><\/div>\n<div class=\"col-md-12 col-sm-12 col-xs-12 pt-cv-content-item pt-cv-1-col\" ><div class='pt-cv-ifield'><a href=\"https:\/\/www.dmsjuridica.com\/buscador_20179478954\/corteconstitucionalcronologico202454587\/t-215-00\/\" class=\"_self pt-cv-href-thumbnail pt-cv-thumb-default\" target=\"_self\" ><\/a>\n<div class=\"pt-cv-taxoterm above_title\"><a href='https:\/\/www.dmsjuridica.com\/buscador_20179478954\/corteconstitucionalcronologico202454587\/category\/buscar-en-toda-la-corte\/2000\/tutelas-2000\/' title='Tutelas 2000' class='pt-cv-tax-tutelas-2000'>Tutelas 2000<\/a><\/div>\n<h4 class=\"pt-cv-title\"><a href=\"https:\/\/www.dmsjuridica.com\/buscador_20179478954\/corteconstitucionalcronologico202454587\/t-215-00\/\" class=\"_self\" target=\"_self\" >T-215-00<\/a><\/h4>\n<div class=\"pt-cv-content\">\u00a0 \u00a0 Sentencia T-215\/00 \u00a0 MEDIO DE DEFENSA JUDICIAL IDONEO Y EFICAZ-Improcedencia de tutela \u00a0 En el caso que ocupa la atenci\u00f3n de la Corte los jueces de tutela no encontraron violados los derechos fundamentales del actor a partir de las actuaciones desarrolladas por el Procurador General de la Naci\u00f3n y la Procuradora Primera Delegada para la Vigilancia Administrativa. Es m\u00e1s, concluyeron que para la contradicci\u00f3n e impugnaci\u00f3n de sanciones de tipo disciplinario en contra del ex-gobernador del Amazonas, se contaba con la acci\u00f3n de nulidad y restablecimiento del derecho, como medio judicial de defensa principal para controvertir esas decisiones ...<br \/><div class=\"pt-cv-rmwrap\"><a href=\"https:\/\/www.dmsjuridica.com\/buscador_20179478954\/corteconstitucionalcronologico202454587\/t-215-00\/\" class=\"_self pt-cv-readmore btn btn-success\" target=\"_self\">Ver Sentencia Completa...<\/a><\/div><\/div><\/div><\/div>\n<div class=\"col-md-12 col-sm-12 col-xs-12 pt-cv-content-item pt-cv-1-col\" ><div class='pt-cv-ifield'><a href=\"https:\/\/www.dmsjuridica.com\/buscador_20179478954\/corteconstitucionalcronologico202454587\/t-214-00\/\" class=\"_self pt-cv-href-thumbnail pt-cv-thumb-default\" target=\"_self\" ><\/a>\n<div class=\"pt-cv-taxoterm above_title\"><a href='https:\/\/www.dmsjuridica.com\/buscador_20179478954\/corteconstitucionalcronologico202454587\/category\/buscar-en-toda-la-corte\/2000\/tutelas-2000\/' title='Tutelas 2000' class='pt-cv-tax-tutelas-2000'>Tutelas 2000<\/a><\/div>\n<h4 class=\"pt-cv-title\"><a href=\"https:\/\/www.dmsjuridica.com\/buscador_20179478954\/corteconstitucionalcronologico202454587\/t-214-00\/\" class=\"_self\" target=\"_self\" >T-214-00<\/a><\/h4>\n<div class=\"pt-cv-content\">\u00a0 \u00a0 Sentencia T-214\/00 \u00a0 DERECHO A LA SALUD-Pr\u00e1ctica de cirug\u00eda de piernas \u00a0 Como qued\u00f3 demostrado el paciente presenta limitaci\u00f3n en sus movimientos y dificultades al caminar, como consecuencia del accidente que sufri\u00f3, circunstancias estas que le ocasionan sufrimiento e impiden su recuperaci\u00f3n normal, siendo indispensable para ello que la operaci\u00f3n ordenada sea practicada lo m\u00e1s pronto posible dentro de un t\u00e9rmino cient\u00edficamente razonable, si esta no se ha llevado a cabo, aunque no conduzca a la presentaci\u00f3n de nuevos factores de malestar o de agravamiento de los anteriores, que amenacen en forma evidente los derechos fundamentales a la ...<br \/><div class=\"pt-cv-rmwrap\"><a href=\"https:\/\/www.dmsjuridica.com\/buscador_20179478954\/corteconstitucionalcronologico202454587\/t-214-00\/\" class=\"_self pt-cv-readmore btn btn-success\" target=\"_self\">Ver Sentencia Completa...<\/a><\/div><\/div><\/div><\/div>\n<div class=\"col-md-12 col-sm-12 col-xs-12 pt-cv-content-item pt-cv-1-col\" ><div class='pt-cv-ifield'><a href=\"https:\/\/www.dmsjuridica.com\/buscador_20179478954\/corteconstitucionalcronologico202454587\/t-213-00\/\" class=\"_self pt-cv-href-thumbnail pt-cv-thumb-default\" target=\"_self\" ><\/a>\n<div class=\"pt-cv-taxoterm above_title\"><a href='https:\/\/www.dmsjuridica.com\/buscador_20179478954\/corteconstitucionalcronologico202454587\/category\/buscar-en-toda-la-corte\/2000\/tutelas-2000\/' title='Tutelas 2000' class='pt-cv-tax-tutelas-2000'>Tutelas 2000<\/a><\/div>\n<h4 class=\"pt-cv-title\"><a href=\"https:\/\/www.dmsjuridica.com\/buscador_20179478954\/corteconstitucionalcronologico202454587\/t-213-00\/\" class=\"_self\" target=\"_self\" >T-213-00<\/a><\/h4>\n<div class=\"pt-cv-content\">\u00a0 \u00a0 Sentencia T-213\/00 \u00a0 VIA DE HECHO-Error manifiesto en proceso penal \u00a0 Las discusiones y desacuerdos que recaigan sobre los resultados de la labor judicial y que por alguna raz\u00f3n lleguen a ventilarse en un proceso de tutela, no pueden constituir materia del control jurisdiccional del juez de tutela en la forma de un control entre instancias, como el que realiza un superior sobre la decisi\u00f3n del inferior para pronunciarse sobre la legalidad de la respectiva actuaci\u00f3n, dado que la emisi\u00f3n de un juicio valorativo que califique una actuaci\u00f3n judicial como una v\u00eda de hecho requiere que en la ...<br \/><div class=\"pt-cv-rmwrap\"><a href=\"https:\/\/www.dmsjuridica.com\/buscador_20179478954\/corteconstitucionalcronologico202454587\/t-213-00\/\" class=\"_self pt-cv-readmore btn btn-success\" target=\"_self\">Ver Sentencia Completa...<\/a><\/div><\/div><\/div><\/div>\n<div class=\"col-md-12 col-sm-12 col-xs-12 pt-cv-content-item pt-cv-1-col\" ><div class='pt-cv-ifield'><a href=\"https:\/\/www.dmsjuridica.com\/buscador_20179478954\/corteconstitucionalcronologico202454587\/t-212-00\/\" class=\"_self pt-cv-href-thumbnail pt-cv-thumb-default\" target=\"_self\" ><\/a>\n<div class=\"pt-cv-taxoterm above_title\"><a href='https:\/\/www.dmsjuridica.com\/buscador_20179478954\/corteconstitucionalcronologico202454587\/category\/buscar-en-toda-la-corte\/2000\/tutelas-2000\/' title='Tutelas 2000' class='pt-cv-tax-tutelas-2000'>Tutelas 2000<\/a><\/div>\n<h4 class=\"pt-cv-title\"><a href=\"https:\/\/www.dmsjuridica.com\/buscador_20179478954\/corteconstitucionalcronologico202454587\/t-212-00\/\" class=\"_self\" target=\"_self\" >T-212-00<\/a><\/h4>\n<div class=\"pt-cv-content\">\u00a0 \u00a0 Sentencia T-212\/00 \u00a0 DERECHO DE PETICION ANTE ORGANIZACIONES PRIVADAS-Improcedencia cuando no act\u00faa como autoridad\/DERECHO DE PETICION ANTE SINDICATO-Improcedencia \u00a0 La Corte coincide con las sentencias revisadas en que la actora se encuentra en situaci\u00f3n de indefensi\u00f3n frente a la autoridad sindical, pues no tiene ning\u00fan mecanismo judicial para enfrentar las posibles afectaciones a un derecho fundamental derivadas de eventuales quejas de esa asociaci\u00f3n ante las autoridades educativas. Sin embargo, no por ello debe concederse la tutela por violaci\u00f3n al derecho de petici\u00f3n, por la sencilla raz\u00f3n de que \u00e9ste no es exigible ante la junta directiva de un ...<br \/><div class=\"pt-cv-rmwrap\"><a href=\"https:\/\/www.dmsjuridica.com\/buscador_20179478954\/corteconstitucionalcronologico202454587\/t-212-00\/\" class=\"_self pt-cv-readmore btn btn-success\" target=\"_self\">Ver Sentencia Completa...<\/a><\/div><\/div><\/div><\/div>\n<div class=\"col-md-12 col-sm-12 col-xs-12 pt-cv-content-item pt-cv-1-col\" ><div class='pt-cv-ifield'><a href=\"https:\/\/www.dmsjuridica.com\/buscador_20179478954\/corteconstitucionalcronologico202454587\/t-205-00\/\" class=\"_self pt-cv-href-thumbnail pt-cv-thumb-default\" target=\"_self\" ><\/a>\n<div class=\"pt-cv-taxoterm above_title\"><a href='https:\/\/www.dmsjuridica.com\/buscador_20179478954\/corteconstitucionalcronologico202454587\/category\/buscar-en-toda-la-corte\/2000\/tutelas-2000\/' title='Tutelas 2000' class='pt-cv-tax-tutelas-2000'>Tutelas 2000<\/a><\/div>\n<h4 class=\"pt-cv-title\"><a href=\"https:\/\/www.dmsjuridica.com\/buscador_20179478954\/corteconstitucionalcronologico202454587\/t-205-00\/\" class=\"_self\" target=\"_self\" >T-205-00<\/a><\/h4>\n<div class=\"pt-cv-content\">\u00a0 \u00a0 Sentencia T-205\/00 \u00a0 DERECHO AL MINIMO VITAL DEL PENSIONADO-Procedencia excepcional de tutela para pago de mesadas \u00a0 MINIMO VITAL-Concepto \u00a0 DERECHO AL MINIMO VITAL DEL PENSIONADO-Presunci\u00f3n de afectaci\u00f3n por ausencia prolongada en pago de mesadas \u00a0 EMPLEADOR-Situaci\u00f3n econ\u00f3mica o presupuestal no es \u00f3bice para desconocer obligaciones laborales \u00a0 DERECHO AL MINIMO VITAL DEL PENSIONADO-Incumplimiento de Gobernaci\u00f3n en suministro de recursos a fiduciaria para pago de mesadas \u00a0 FONDO NACIONAL DE PENSIONES DE ENTIDADES TERRITORIALES-Pago de mesadas \u00a0 DERECHO AL MINIMO VITAL DEL PENSIONADO-Pago de mesadas con dineros de venta de activos o con recursos propios o con cargo ...<br \/><div class=\"pt-cv-rmwrap\"><a href=\"https:\/\/www.dmsjuridica.com\/buscador_20179478954\/corteconstitucionalcronologico202454587\/t-205-00\/\" class=\"_self pt-cv-readmore btn btn-success\" target=\"_self\">Ver Sentencia Completa...<\/a><\/div><\/div><\/div><\/div>\n<div class=\"col-md-12 col-sm-12 col-xs-12 pt-cv-content-item pt-cv-1-col\" ><div class='pt-cv-ifield'><a href=\"https:\/\/www.dmsjuridica.com\/buscador_20179478954\/corteconstitucionalcronologico202454587\/t-204-00\/\" class=\"_self pt-cv-href-thumbnail pt-cv-thumb-default\" target=\"_self\" ><\/a>\n<div class=\"pt-cv-taxoterm above_title\"><a href='https:\/\/www.dmsjuridica.com\/buscador_20179478954\/corteconstitucionalcronologico202454587\/category\/buscar-en-toda-la-corte\/2000\/tutelas-2000\/' title='Tutelas 2000' class='pt-cv-tax-tutelas-2000'>Tutelas 2000<\/a><\/div>\n<h4 class=\"pt-cv-title\"><a href=\"https:\/\/www.dmsjuridica.com\/buscador_20179478954\/corteconstitucionalcronologico202454587\/t-204-00\/\" class=\"_self\" target=\"_self\" >T-204-00<\/a><\/h4>\n<div class=\"pt-cv-content\">\u00a0 \u00a0 Sentencia T-204\/00 \u00a0 DERECHO A LA SALUD-Connotaciones \u00a0 En relaci\u00f3n con la protecci\u00f3n constitucional del derecho a la salud, esta Corte, a lo largo de su jurisprudencia ha distinguido dos connotaciones; de una parte, la salud adquiere el rango de fundamental cuando est\u00e1 en riesgo el derecho a la vida u otro derecho fundamental, por ende, susceptible de amparo a trav\u00e9s de la tutela, y de otro lado, cuando no est\u00e1 en conexidad con otros derechos, adquiere el car\u00e1cter de prestacional y puede ser exigible a trav\u00e9s de otros medios de defensa, diferentes a la tutela. \u00a0 DERECHO ...<br \/><div class=\"pt-cv-rmwrap\"><a href=\"https:\/\/www.dmsjuridica.com\/buscador_20179478954\/corteconstitucionalcronologico202454587\/t-204-00\/\" class=\"_self pt-cv-readmore btn btn-success\" target=\"_self\">Ver Sentencia Completa...<\/a><\/div><\/div><\/div><\/div>\n<div class=\"col-md-12 col-sm-12 col-xs-12 pt-cv-content-item pt-cv-1-col\" ><div class='pt-cv-ifield'><a href=\"https:\/\/www.dmsjuridica.com\/buscador_20179478954\/corteconstitucionalcronologico202454587\/t-203-00\/\" class=\"_self pt-cv-href-thumbnail pt-cv-thumb-default\" target=\"_self\" ><\/a>\n<div class=\"pt-cv-taxoterm above_title\"><a href='https:\/\/www.dmsjuridica.com\/buscador_20179478954\/corteconstitucionalcronologico202454587\/category\/buscar-en-toda-la-corte\/2000\/tutelas-2000\/' title='Tutelas 2000' class='pt-cv-tax-tutelas-2000'>Tutelas 2000<\/a><\/div>\n<h4 class=\"pt-cv-title\"><a href=\"https:\/\/www.dmsjuridica.com\/buscador_20179478954\/corteconstitucionalcronologico202454587\/t-203-00\/\" class=\"_self\" target=\"_self\" >T-203-00<\/a><\/h4>\n<div class=\"pt-cv-content\">\u00a0 \u00a0 Sentencia T-203\/00 \u00a0 ACCION DE TUTELA-Finalidad \u00a0 La acci\u00f3n de tutela es una instituci\u00f3n que consagr\u00f3 la Constituci\u00f3n de 1991 para proteger los derechos fundamentales de las personas, de lesiones o amenazas de vulneraci\u00f3n por parte de una autoridad p\u00fablica y, bajo ciertos supuestos, por parte de un particular. Se trata de un procedimiento judicial espec\u00edfico, aut\u00f3nomo, directo y sumario, que en ning\u00fan caso puede sustituir los procesos judiciales que establece la ley; en ese sentido la acci\u00f3n de tutela no es una instituci\u00f3n procesal alternativa o supletiva. \u00a0 ACCION DE TUTELA CONTRA PARTICULARES-Procedencia excepcional \u00a0 ACCION DE ...<br \/><div class=\"pt-cv-rmwrap\"><a href=\"https:\/\/www.dmsjuridica.com\/buscador_20179478954\/corteconstitucionalcronologico202454587\/t-203-00\/\" class=\"_self pt-cv-readmore btn btn-success\" target=\"_self\">Ver Sentencia Completa...<\/a><\/div><\/div><\/div><\/div>\n<div class=\"col-md-12 col-sm-12 col-xs-12 pt-cv-content-item pt-cv-1-col\" ><div class='pt-cv-ifield'><a href=\"https:\/\/www.dmsjuridica.com\/buscador_20179478954\/corteconstitucionalcronologico202454587\/t-202-00\/\" class=\"_self pt-cv-href-thumbnail pt-cv-thumb-default\" target=\"_self\" ><\/a>\n<div class=\"pt-cv-taxoterm above_title\"><a href='https:\/\/www.dmsjuridica.com\/buscador_20179478954\/corteconstitucionalcronologico202454587\/category\/buscar-en-toda-la-corte\/2000\/tutelas-2000\/' title='Tutelas 2000' class='pt-cv-tax-tutelas-2000'>Tutelas 2000<\/a><\/div>\n<h4 class=\"pt-cv-title\"><a href=\"https:\/\/www.dmsjuridica.com\/buscador_20179478954\/corteconstitucionalcronologico202454587\/t-202-00\/\" class=\"_self\" target=\"_self\" >T-202-00<\/a><\/h4>\n<div class=\"pt-cv-content\">\u00a0 \u00a0 Sentencia T-202\/00 \u00a0 EDUCACION-Derecho y servicio p\u00fablico con funci\u00f3n social \u00a0 DERECHO A LA EDUCACION-Fundamental \u00a0 Para la Corte, es indudable que el derecho a la educaci\u00f3n pertenece a la categor\u00eda de los derechos fundamentales, pues, su n\u00facleo esencial, comporta un factor de desarrollo individual y social con cuyo ejercicio se materializa el desarrollo pleno del ser humano en todas sus potencialidades. Este derecho constituye un medio para que el individuo se integre efectiva y eficazmente a la sociedad; de all\u00ed su especial categor\u00eda que lo hace parte de los derechos esenciales de las personas en la medida ...<br \/><div class=\"pt-cv-rmwrap\"><a href=\"https:\/\/www.dmsjuridica.com\/buscador_20179478954\/corteconstitucionalcronologico202454587\/t-202-00\/\" class=\"_self pt-cv-readmore btn btn-success\" target=\"_self\">Ver Sentencia Completa...<\/a><\/div><\/div><\/div><\/div>\n<div class=\"col-md-12 col-sm-12 col-xs-12 pt-cv-content-item pt-cv-1-col\" ><div class='pt-cv-ifield'><a href=\"https:\/\/www.dmsjuridica.com\/buscador_20179478954\/corteconstitucionalcronologico202454587\/t-201-00\/\" class=\"_self pt-cv-href-thumbnail pt-cv-thumb-default\" target=\"_self\" ><\/a>\n<div class=\"pt-cv-taxoterm above_title\"><a href='https:\/\/www.dmsjuridica.com\/buscador_20179478954\/corteconstitucionalcronologico202454587\/category\/buscar-en-toda-la-corte\/2000\/tutelas-2000\/' title='Tutelas 2000' class='pt-cv-tax-tutelas-2000'>Tutelas 2000<\/a><\/div>\n<h4 class=\"pt-cv-title\"><a href=\"https:\/\/www.dmsjuridica.com\/buscador_20179478954\/corteconstitucionalcronologico202454587\/t-201-00\/\" class=\"_self\" target=\"_self\" >T-201-00<\/a><\/h4>\n<div class=\"pt-cv-content\">\u00a0 \u00a0 Sentencia T-201\/00 \u00a0 ACUERDO DE CONCEJO DISTRITAL-Invalidez por Tribunal Administrativo \u00a0 ACUERDO DE CONCEJO MUNICIPAL-Remisi\u00f3n al Tribunal Contencioso Administrativo cuando Gobernador lo considere contrario a la Constituci\u00f3n \u00a0 GOBERNADOR-Objeciones u observaciones a Acuerdo por inconstitucionalidad o ilegalidad \u00a0 ACTO ADMINISTRATIVO DE CONCEJO MUNICIPAL-Control de constitucionalidad y legalidad sobre validez \u00a0 DEBIDO PROCESO EN CONTROL SOBRE ACUERDO DE CONCEJO DISTRITAL-Inexistencia de vulneraci\u00f3n por no intervenci\u00f3n en el tr\u00e1mite de las objeciones u observaciones del Gobernador \u00a0 MEDIO DE DEFENSA JUDICIAL-Declaraci\u00f3n de nulidad del contrato para lograr protecci\u00f3n de derechos \u00a0 Referencia: expediente T-266289 \u00a0 Acci\u00f3n de tutela instaurada por ...<br \/><div class=\"pt-cv-rmwrap\"><a href=\"https:\/\/www.dmsjuridica.com\/buscador_20179478954\/corteconstitucionalcronologico202454587\/t-201-00\/\" class=\"_self pt-cv-readmore btn btn-success\" target=\"_self\">Ver Sentencia Completa...<\/a><\/div><\/div><\/div><\/div>\n<div class=\"col-md-12 col-sm-12 col-xs-12 pt-cv-content-item pt-cv-1-col\" ><div class='pt-cv-ifield'><a href=\"https:\/\/www.dmsjuridica.com\/buscador_20179478954\/corteconstitucionalcronologico202454587\/t-200-00\/\" class=\"_self pt-cv-href-thumbnail pt-cv-thumb-default\" target=\"_self\" ><\/a>\n<div class=\"pt-cv-taxoterm above_title\"><a href='https:\/\/www.dmsjuridica.com\/buscador_20179478954\/corteconstitucionalcronologico202454587\/category\/buscar-en-toda-la-corte\/2000\/tutelas-2000\/' title='Tutelas 2000' class='pt-cv-tax-tutelas-2000'>Tutelas 2000<\/a><\/div>\n<h4 class=\"pt-cv-title\"><a href=\"https:\/\/www.dmsjuridica.com\/buscador_20179478954\/corteconstitucionalcronologico202454587\/t-200-00\/\" class=\"_self\" target=\"_self\" >T-200-00<\/a><\/h4>\n<div class=\"pt-cv-content\">\u00a0 \u00a0 Sentencia T-200\/00 \u00a0 DERECHO AL TRABAJO EN CONDICIONES DIGNAS Y JUSTAS-Pago oportuno de salarios \u00a0 DERECHO AL PAGO OPORTUNO DEL SALARIO-Fundamental \u00a0 DERECHO AL MINIMO VITAL DEL TRABAJADOR-Pago oportuno de salarios \u00a0 Referencia: expedientes \u00a0T-242392, \u00a0T-223267, \u00a0 T-246416, T-246419, T-247055, T-247062, T-247072 y T-260044 \u00a0 Acciones de tutela instauradas por Oscar Luis Molina Passo, Marlenis del Carmen L\u00f3pez Bello, Mar\u00eda del Rosario Jaraba Zapata, Esther Rosal\u00eda Mart\u00ednez Mart\u00ednez, Franki Rafael Reyes Ortega, Habib Hern\u00e1ndez Acu\u00f1a, Julio Manuel Cueto Torres y Mar\u00eda Concepci\u00f3n G\u00f3mez Baena contra el Municipio de Plato. \u00a0 Magistrado Ponente: \u00a0 Dr. JOS\u00c9 GREGORIO HERN\u00c1NDEZ GALINDO ...<br \/><div class=\"pt-cv-rmwrap\"><a href=\"https:\/\/www.dmsjuridica.com\/buscador_20179478954\/corteconstitucionalcronologico202454587\/t-200-00\/\" class=\"_self pt-cv-readmore btn btn-success\" target=\"_self\">Ver Sentencia Completa...<\/a><\/div><\/div><\/div><\/div>\n<div class=\"col-md-12 col-sm-12 col-xs-12 pt-cv-content-item pt-cv-1-col\" ><div class='pt-cv-ifield'><a href=\"https:\/\/www.dmsjuridica.com\/buscador_20179478954\/corteconstitucionalcronologico202454587\/t-199-00\/\" class=\"_self pt-cv-href-thumbnail pt-cv-thumb-default\" target=\"_self\" ><\/a>\n<div class=\"pt-cv-taxoterm above_title\"><a href='https:\/\/www.dmsjuridica.com\/buscador_20179478954\/corteconstitucionalcronologico202454587\/category\/buscar-en-toda-la-corte\/2000\/tutelas-2000\/' title='Tutelas 2000' class='pt-cv-tax-tutelas-2000'>Tutelas 2000<\/a><\/div>\n<h4 class=\"pt-cv-title\"><a href=\"https:\/\/www.dmsjuridica.com\/buscador_20179478954\/corteconstitucionalcronologico202454587\/t-199-00\/\" class=\"_self\" target=\"_self\" >T-199-00<\/a><\/h4>\n<div class=\"pt-cv-content\">\u00a0 \u00a0 Sentencia T-199\/00 \u00a0 ACCION DE TUTELA-Procedencia excepcional pago de prestaciones sociales \u00a0 Debe reiterar la Corte que, en principio, la soluci\u00f3n de controversias en torno al pago de prestaciones sociales encuentra v\u00eda adecuada en los procesos ordinarios, que en esa medida desplazan a la acci\u00f3n de tutela en cuanto resulten eficaces para la protecci\u00f3n de los derechos afectados y no se tenga el caso de un perjuicio irremediable. S\u00f3lo en casos excepcionales, cuando el juez constitucional encuentre violados otros derechos fundamentales que no puedan ser amparados por el juez competente, el medio de defensa judicial ordinario no sea ...<br \/><div class=\"pt-cv-rmwrap\"><a href=\"https:\/\/www.dmsjuridica.com\/buscador_20179478954\/corteconstitucionalcronologico202454587\/t-199-00\/\" class=\"_self pt-cv-readmore btn btn-success\" target=\"_self\">Ver Sentencia Completa...<\/a><\/div><\/div><\/div><\/div>\n<div class=\"col-md-12 col-sm-12 col-xs-12 pt-cv-content-item pt-cv-1-col\" ><div class='pt-cv-ifield'><a href=\"https:\/\/www.dmsjuridica.com\/buscador_20179478954\/corteconstitucionalcronologico202454587\/t-198-00\/\" class=\"_self pt-cv-href-thumbnail pt-cv-thumb-default\" target=\"_self\" ><\/a>\n<div class=\"pt-cv-taxoterm above_title\"><a href='https:\/\/www.dmsjuridica.com\/buscador_20179478954\/corteconstitucionalcronologico202454587\/category\/buscar-en-toda-la-corte\/2000\/tutelas-2000\/' title='Tutelas 2000' class='pt-cv-tax-tutelas-2000'>Tutelas 2000<\/a><\/div>\n<h4 class=\"pt-cv-title\"><a href=\"https:\/\/www.dmsjuridica.com\/buscador_20179478954\/corteconstitucionalcronologico202454587\/t-198-00\/\" class=\"_self\" target=\"_self\" >T-198-00<\/a><\/h4>\n<div class=\"pt-cv-content\">\u00a0 \u00a0 Sentencia T-198\/00 \u00a0 DERECHO DE PETICION-N\u00facleo esencial \u00a0 DERECHO DE PETICION-Alcance \u00a0 PROCURADURIA GENERAL DE LA NACION-Falta de respuesta a petici\u00f3n \u00a0 DERECHO DE PETICION-Respuesta \u00a0 La garant\u00eda de que se trata se satisface s\u00f3lo con respuestas. Las evasivas, las dilaciones, las confusiones, escapan al contenido del art\u00edculo 23 de la Constituci\u00f3n. En el marco del derecho de petici\u00f3n, \"s\u00f3lo tiene la categor\u00eda de respuesta, aquello que decide, que concluye, que afirma una realidad, que satisface una inquietud, que ofrece certeza al interesado\", como lo expres\u00f3 esta Corte. \u00a0 DERECHO DE PETICION-No comprende sentido de la decisi\u00f3n que ...<br \/><div class=\"pt-cv-rmwrap\"><a href=\"https:\/\/www.dmsjuridica.com\/buscador_20179478954\/corteconstitucionalcronologico202454587\/t-198-00\/\" class=\"_self pt-cv-readmore btn btn-success\" target=\"_self\">Ver Sentencia Completa...<\/a><\/div><\/div><\/div><\/div>\n<div class=\"col-md-12 col-sm-12 col-xs-12 pt-cv-content-item pt-cv-1-col\" ><div class='pt-cv-ifield'><a href=\"https:\/\/www.dmsjuridica.com\/buscador_20179478954\/corteconstitucionalcronologico202454587\/t-197-00\/\" class=\"_self pt-cv-href-thumbnail pt-cv-thumb-default\" target=\"_self\" ><\/a>\n<div class=\"pt-cv-taxoterm above_title\"><a href='https:\/\/www.dmsjuridica.com\/buscador_20179478954\/corteconstitucionalcronologico202454587\/category\/buscar-en-toda-la-corte\/2000\/tutelas-2000\/' title='Tutelas 2000' class='pt-cv-tax-tutelas-2000'>Tutelas 2000<\/a><\/div>\n<h4 class=\"pt-cv-title\"><a href=\"https:\/\/www.dmsjuridica.com\/buscador_20179478954\/corteconstitucionalcronologico202454587\/t-197-00\/\" class=\"_self\" target=\"_self\" >T-197-00<\/a><\/h4>\n<div class=\"pt-cv-content\">\u00a0 \u00a0 Sentencia T-197\/00 \u00a0 DEBIDO PROCESO DISCIPLINARIO-Empleado debe reintegrarse al cargo expirado el t\u00e9rmino de suspensi\u00f3n sin que hubiere terminado la investigaci\u00f3n \u00a0 DERECHO AL TRABAJO-Empleado debe reintegrarse al cargo expirado el t\u00e9rmino de suspensi\u00f3n sin que hubiere terminado la investigaci\u00f3n \u00a0 REINTEGRO AL CARGO DEL SUSPENDIDO-Expiraci\u00f3n del t\u00e9rmino sin que hubiere culminado investigaci\u00f3n \u00a0 REINTEGRO AL CARGO DEL SUSPENDIDO-Competencia \u00a0 REINTEGRO AL CARGO DEL SUSPENDIDO-Procedencia de tutela por ineficacia del mecanismo de defensa judicial \u00a0 MEDIO DE DEFENSA JUDICIAL INEFICAZ-Demora para ser reintegrado al cargo por expiraci\u00f3n del t\u00e9rmino de suspensi\u00f3n sin que hubiere terminado la investigaci\u00f3n \u00a0 ...<br \/><div class=\"pt-cv-rmwrap\"><a href=\"https:\/\/www.dmsjuridica.com\/buscador_20179478954\/corteconstitucionalcronologico202454587\/t-197-00\/\" class=\"_self pt-cv-readmore btn btn-success\" target=\"_self\">Ver Sentencia Completa...<\/a><\/div><\/div><\/div><\/div>\n<div class=\"col-md-12 col-sm-12 col-xs-12 pt-cv-content-item pt-cv-1-col\" ><div class='pt-cv-ifield'><a href=\"https:\/\/www.dmsjuridica.com\/buscador_20179478954\/corteconstitucionalcronologico202454587\/t-196-00\/\" class=\"_self pt-cv-href-thumbnail pt-cv-thumb-default\" target=\"_self\" ><\/a>\n<div class=\"pt-cv-taxoterm above_title\"><a href='https:\/\/www.dmsjuridica.com\/buscador_20179478954\/corteconstitucionalcronologico202454587\/category\/buscar-en-toda-la-corte\/2000\/tutelas-2000\/' title='Tutelas 2000' class='pt-cv-tax-tutelas-2000'>Tutelas 2000<\/a><\/div>\n<h4 class=\"pt-cv-title\"><a href=\"https:\/\/www.dmsjuridica.com\/buscador_20179478954\/corteconstitucionalcronologico202454587\/t-196-00\/\" class=\"_self\" target=\"_self\" >T-196-00<\/a><\/h4>\n<div class=\"pt-cv-content\">\u00a0 \u00a0 Sentencia T-196\/00 \u00a0 ACCION DE TUTELA-Improcedencia, en principio, para reconocimiento de pensiones, liquidaciones o reanudaci\u00f3n de pago \u00a0 DERECHO A LA VIDA DIGNA-Pago oportuno de mesadas pensionales \u00a0 PENSION DE SOBREVIVIENTES-Procedencia de tutela por cuanto interrupci\u00f3n impide a joven continuar educ\u00e1ndose \u00a0 PENSION DE SOBREVIVIENTES-Hijo mayor de dieciocho a\u00f1os que se encuentra estudiando \u00a0 DERECHO A LA EDUCACION-Suspensi\u00f3n de pensi\u00f3n por llegar hijo a los 18 a\u00f1os \u00a0 Referencia: expediente T-255333 \u00a0 Acci\u00f3n de tutela incoada por Jos\u00e9 De Jes\u00fas Guardiola Gamarra contra el Seguro Social, Seccional Atl\u00e1ntico. \u00a0 Magistrado Ponente: \u00a0 Dr. JOS\u00c9 GREGORIO HERN\u00c1NDEZ GALINDO \u00a0 ...<br \/><div class=\"pt-cv-rmwrap\"><a href=\"https:\/\/www.dmsjuridica.com\/buscador_20179478954\/corteconstitucionalcronologico202454587\/t-196-00\/\" class=\"_self pt-cv-readmore btn btn-success\" target=\"_self\">Ver Sentencia Completa...<\/a><\/div><\/div><\/div><\/div>\n<div class=\"col-md-12 col-sm-12 col-xs-12 pt-cv-content-item pt-cv-1-col\" ><div class='pt-cv-ifield'><a href=\"https:\/\/www.dmsjuridica.com\/buscador_20179478954\/corteconstitucionalcronologico202454587\/t-195-00\/\" class=\"_self pt-cv-href-thumbnail pt-cv-thumb-default\" target=\"_self\" ><\/a>\n<div class=\"pt-cv-taxoterm above_title\"><a href='https:\/\/www.dmsjuridica.com\/buscador_20179478954\/corteconstitucionalcronologico202454587\/category\/buscar-en-toda-la-corte\/2000\/tutelas-2000\/' title='Tutelas 2000' class='pt-cv-tax-tutelas-2000'>Tutelas 2000<\/a><\/div>\n<h4 class=\"pt-cv-title\"><a href=\"https:\/\/www.dmsjuridica.com\/buscador_20179478954\/corteconstitucionalcronologico202454587\/t-195-00\/\" class=\"_self\" target=\"_self\" >T-195-00<\/a><\/h4>\n<div class=\"pt-cv-content\">\u00a0 \u00a0 Sentencia T-195\/00 \u00a0 DERECHO AL MINIMO VITAL DEL TRABAJADOR-Pago de totalidad de salarios y prestaciones aunque vigencia se encuentre expirada \u00a0 Referencia: expediente T-255177 \u00a0 Magistrado Ponente: \u00a0 Dr. JOS\u00c9 GREGORIO HERN\u00c1NDEZ GALINDO\u00a0 \u00a0 Aprobada en Santa Fe de Bogot\u00e1, D.C., veintiocho (28) de febrero de dos mil (2000). \u00a0 La Sala Quinta de Revisi\u00f3n de la Corte Constitucional, en ejercicio de sus competencias constitucionales y legales, espec\u00edficamente las previstas en los art\u00edculos 86 y 241, numeral 9, de la Constituci\u00f3n Pol\u00edtica y en el Decreto 2591 de 1991, ha proferido la siguiente \u00a0 SENTENCIA \u00a0 dentro del ...<br \/><div class=\"pt-cv-rmwrap\"><a href=\"https:\/\/www.dmsjuridica.com\/buscador_20179478954\/corteconstitucionalcronologico202454587\/t-195-00\/\" class=\"_self pt-cv-readmore btn btn-success\" target=\"_self\">Ver Sentencia Completa...<\/a><\/div><\/div><\/div><\/div>\n<div class=\"col-md-12 col-sm-12 col-xs-12 pt-cv-content-item pt-cv-1-col\" ><div class='pt-cv-ifield'><a href=\"https:\/\/www.dmsjuridica.com\/buscador_20179478954\/corteconstitucionalcronologico202454587\/t-194-00\/\" class=\"_self pt-cv-href-thumbnail pt-cv-thumb-default\" target=\"_self\" ><\/a>\n<div class=\"pt-cv-taxoterm above_title\"><a href='https:\/\/www.dmsjuridica.com\/buscador_20179478954\/corteconstitucionalcronologico202454587\/category\/buscar-en-toda-la-corte\/2000\/tutelas-2000\/' title='Tutelas 2000' class='pt-cv-tax-tutelas-2000'>Tutelas 2000<\/a><\/div>\n<h4 class=\"pt-cv-title\"><a href=\"https:\/\/www.dmsjuridica.com\/buscador_20179478954\/corteconstitucionalcronologico202454587\/t-194-00\/\" class=\"_self\" target=\"_self\" >T-194-00<\/a><\/h4>\n<div class=\"pt-cv-content\">\u00a0 \u00a0 Sentencia T-194\/00 \u00a0 ACCION DE TUTELA-Procedencia pago de mesadas pensionales atrasadas cuando se afecta la vida \u00a0 DERECHO AL MINIMO VITAL DEL PENSIONADO-Pago de mesadas atrasadas en su totalidad \u00a0 Referencia: expediente T-254872 \u00a0 Acci\u00f3n de tutela instaurada por Jovita Irene Rey De Morales contra Acer\u00edas Paz del R\u00edo S.A.\u00a0 \u00a0 Magistrado Ponente: \u00a0 Dr. JOS\u00c9 GREGORIO HERN\u00c1NDEZ GALINDO \u00a0 Santa Fe de Bogot\u00e1, D.C., veintiocho (28) de febrero de dos mil (2000). \u00a0 La Sala Quinta de Revisi\u00f3n de la Corte Constitucional, en ejercicio de sus competencias constitucionales y legales, espec\u00edficamente las previstas en los art\u00edculos 86 ...<br \/><div class=\"pt-cv-rmwrap\"><a href=\"https:\/\/www.dmsjuridica.com\/buscador_20179478954\/corteconstitucionalcronologico202454587\/t-194-00\/\" class=\"_self pt-cv-readmore btn btn-success\" target=\"_self\">Ver Sentencia Completa...<\/a><\/div><\/div><\/div><\/div>\n<div class=\"col-md-12 col-sm-12 col-xs-12 pt-cv-content-item pt-cv-1-col\" ><div class='pt-cv-ifield'><a href=\"https:\/\/www.dmsjuridica.com\/buscador_20179478954\/corteconstitucionalcronologico202454587\/t-193-00\/\" class=\"_self pt-cv-href-thumbnail pt-cv-thumb-default\" target=\"_self\" ><\/a>\n<div class=\"pt-cv-taxoterm above_title\"><a href='https:\/\/www.dmsjuridica.com\/buscador_20179478954\/corteconstitucionalcronologico202454587\/category\/buscar-en-toda-la-corte\/2000\/tutelas-2000\/' title='Tutelas 2000' class='pt-cv-tax-tutelas-2000'>Tutelas 2000<\/a><\/div>\n<h4 class=\"pt-cv-title\"><a href=\"https:\/\/www.dmsjuridica.com\/buscador_20179478954\/corteconstitucionalcronologico202454587\/t-193-00\/\" class=\"_self\" target=\"_self\" >T-193-00<\/a><\/h4>\n<div class=\"pt-cv-content\">\u00a0 \u00a0 Sentencia T-193\/00 \u00a0 ACCION DE TUTELA-Procedencia excepcional pago de acreencias laborales \u00a0 En muchas ocasiones esta Corte ha dicho que la acci\u00f3n de tutela no es el mecanismo para lograr el pago de deudas laborales, debido a su car\u00e1cter eminentemente subsidiario. No obstante, de manera excepcional se ha aceptado la viabilidad del amparo constitucional cuando, entre otras hip\u00f3tesis, se lesione el m\u00ednimo vital. \u00a0 DERECHO A LA SUBSISTENCIA DE EXTRABAJADOR-Pago oportuno de salarios y prestaciones \u00a0 Referencia: expediente T-254814 \u00a0 Acci\u00f3n de tutela incoada por Maria del Carmen Medina Rodr\u00edguez contra Rafael Hern\u00e1ndez en calidad de Gerente Administrador ...<br \/><div class=\"pt-cv-rmwrap\"><a href=\"https:\/\/www.dmsjuridica.com\/buscador_20179478954\/corteconstitucionalcronologico202454587\/t-193-00\/\" class=\"_self pt-cv-readmore btn btn-success\" target=\"_self\">Ver Sentencia Completa...<\/a><\/div><\/div><\/div><\/div>\n<div class=\"col-md-12 col-sm-12 col-xs-12 pt-cv-content-item pt-cv-1-col\" ><div class='pt-cv-ifield'><a href=\"https:\/\/www.dmsjuridica.com\/buscador_20179478954\/corteconstitucionalcronologico202454587\/t-192-00\/\" class=\"_self pt-cv-href-thumbnail pt-cv-thumb-default\" target=\"_self\" ><\/a>\n<div class=\"pt-cv-taxoterm above_title\"><a href='https:\/\/www.dmsjuridica.com\/buscador_20179478954\/corteconstitucionalcronologico202454587\/category\/buscar-en-toda-la-corte\/2000\/tutelas-2000\/' title='Tutelas 2000' class='pt-cv-tax-tutelas-2000'>Tutelas 2000<\/a><\/div>\n<h4 class=\"pt-cv-title\"><a href=\"https:\/\/www.dmsjuridica.com\/buscador_20179478954\/corteconstitucionalcronologico202454587\/t-192-00\/\" class=\"_self\" target=\"_self\" >T-192-00<\/a><\/h4>\n<div class=\"pt-cv-content\">\u00a0 \u00a0 Sentencia T-192\/00 \u00a0 COMITE DE RECLAMOS-Integraci\u00f3n para considerar reclamos de prestaciones sociales extralegales entre Ecopetrol y la Uso \u00a0 CONVENCION COLECTIVA-Obligatoriedad de lo pactado en cuanto a tr\u00e1mites e instancias aplicables para definir derechos de trabajadores \u00a0 CONVENCION COLECTIVA-Obstaculizaci\u00f3n del procedimiento por empresa \u00a0 DEBIDO PROCESO ADMINISTRATIVO-Actos de gesti\u00f3n que repercutan en el ejercicio de derechos fundamentales \u00a0 CONVENCION COLECTIVA-Responsabilidad por omisi\u00f3n de aplicaci\u00f3n o debido acatamiento \u00a0 En sus actuaciones internas, los \u00f3rganos y entidades del Estado que tienen celebradas convenciones colectivas, as\u00ed como los patronos particulares en la misma hip\u00f3tesis, son responsables ante las autoridades por ...<br \/><div class=\"pt-cv-rmwrap\"><a href=\"https:\/\/www.dmsjuridica.com\/buscador_20179478954\/corteconstitucionalcronologico202454587\/t-192-00\/\" class=\"_self pt-cv-readmore btn btn-success\" target=\"_self\">Ver Sentencia Completa...<\/a><\/div><\/div><\/div><\/div>\n<div class=\"col-md-12 col-sm-12 col-xs-12 pt-cv-content-item pt-cv-1-col\" ><div class='pt-cv-ifield'><a href=\"https:\/\/www.dmsjuridica.com\/buscador_20179478954\/corteconstitucionalcronologico202454587\/t-191-00\/\" class=\"_self pt-cv-href-thumbnail pt-cv-thumb-default\" target=\"_self\" ><\/a>\n<div class=\"pt-cv-taxoterm above_title\"><a href='https:\/\/www.dmsjuridica.com\/buscador_20179478954\/corteconstitucionalcronologico202454587\/category\/buscar-en-toda-la-corte\/2000\/tutelas-2000\/' title='Tutelas 2000' class='pt-cv-tax-tutelas-2000'>Tutelas 2000<\/a><\/div>\n<h4 class=\"pt-cv-title\"><a href=\"https:\/\/www.dmsjuridica.com\/buscador_20179478954\/corteconstitucionalcronologico202454587\/t-191-00\/\" class=\"_self\" target=\"_self\" >T-191-00<\/a><\/h4>\n<div class=\"pt-cv-content\">\u00a0 \u00a0 Sentencia T-191\/00 \u00a0 ACCION DE TUTELA-Procedencia excepcional pago de acreencias laborales \u00a0 ESTABLECIMIENTO HOSPITALARIO EN CONCORDATO-Solicitud de concepto de juez civil para definir cancelaci\u00f3n no debe afectar pago preferente de salarios \u00a0 ESTABLECIMIENTO HOSPITALARIO EN CONCORDATO-Pago oportuno de salarios \u00a0 DERECHO AL MINIMO VITAL DEL TRABAJADOR-Pago oportuno de salarios \u00a0 Referencia: expediente T-254798 \u00a0 Acci\u00f3n de tutela instaurada por Bertha Nancy Quijano contra el Hospital San Juan de Dios de Cali. \u00a0 Magistrado Ponente: \u00a0 Dr. JOS\u00c9 GREGORIO HERN\u00c1NDEZ GALINDO \u00a0 Santa Fe de Bogot\u00e1 D.C., veintiocho (28) de febrero de dos mil (2000). \u00a0 La Sala Quinta ...<br \/><div class=\"pt-cv-rmwrap\"><a href=\"https:\/\/www.dmsjuridica.com\/buscador_20179478954\/corteconstitucionalcronologico202454587\/t-191-00\/\" class=\"_self pt-cv-readmore btn btn-success\" target=\"_self\">Ver Sentencia Completa...<\/a><\/div><\/div><\/div><\/div>\n<div class=\"col-md-12 col-sm-12 col-xs-12 pt-cv-content-item pt-cv-1-col\" ><div class='pt-cv-ifield'><a href=\"https:\/\/www.dmsjuridica.com\/buscador_20179478954\/corteconstitucionalcronologico202454587\/t-190-00\/\" class=\"_self pt-cv-href-thumbnail pt-cv-thumb-default\" target=\"_self\" ><\/a>\n<div class=\"pt-cv-taxoterm above_title\"><a href='https:\/\/www.dmsjuridica.com\/buscador_20179478954\/corteconstitucionalcronologico202454587\/category\/buscar-en-toda-la-corte\/2000\/tutelas-2000\/' title='Tutelas 2000' class='pt-cv-tax-tutelas-2000'>Tutelas 2000<\/a><\/div>\n<h4 class=\"pt-cv-title\"><a href=\"https:\/\/www.dmsjuridica.com\/buscador_20179478954\/corteconstitucionalcronologico202454587\/t-190-00\/\" class=\"_self\" target=\"_self\" >T-190-00<\/a><\/h4>\n<div class=\"pt-cv-content\">\u00a0 \u00a0 Sentencia T-190\/00 \u00a0 DERECHO DE PETICION ANTE ENTIDAD PROMOTORA DE SALUD-Negligencia en tr\u00e1mite administrativo y vulneraci\u00f3n de derechos fundamentales \u00a0 DERECHO A LA VIDA DE PERSONA DE LA TERCERA EDAD-Negligencia de EPS en tr\u00e1mite administrativo de petici\u00f3n\u00a0 \u00a0 DERECHO A LA SEGURIDAD SOCIAL DE PERSONA DE LA TERCERA EDAD-Alcance \u00a0 DERECHO DE PETICION ANTE CAJA NACIONAL-Negligencia en tr\u00e1mite administrativo y vulneraci\u00f3n de derechos fundamentales \u00a0 INFORMES EN TUTELA-Presunci\u00f3n de veracidad sobre los hechos \u00a0 DERECHO A LA SALUD-Negligencia de EPS en tr\u00e1mite administrativo de petici\u00f3n de cirug\u00eda de pr\u00f3tesis total de cadera h\u00edbrida a beneficiario \u00a0 Referencia: expediente ...<br \/><div class=\"pt-cv-rmwrap\"><a href=\"https:\/\/www.dmsjuridica.com\/buscador_20179478954\/corteconstitucionalcronologico202454587\/t-190-00\/\" class=\"_self pt-cv-readmore btn btn-success\" target=\"_self\">Ver Sentencia Completa...<\/a><\/div><\/div><\/div><\/div>\n<div class=\"col-md-12 col-sm-12 col-xs-12 pt-cv-content-item pt-cv-1-col\" ><div class='pt-cv-ifield'><a href=\"https:\/\/www.dmsjuridica.com\/buscador_20179478954\/corteconstitucionalcronologico202454587\/t-189-00\/\" class=\"_self pt-cv-href-thumbnail pt-cv-thumb-default\" target=\"_self\" ><\/a>\n<div class=\"pt-cv-taxoterm above_title\"><a href='https:\/\/www.dmsjuridica.com\/buscador_20179478954\/corteconstitucionalcronologico202454587\/category\/buscar-en-toda-la-corte\/2000\/tutelas-2000\/' title='Tutelas 2000' class='pt-cv-tax-tutelas-2000'>Tutelas 2000<\/a><\/div>\n<h4 class=\"pt-cv-title\"><a href=\"https:\/\/www.dmsjuridica.com\/buscador_20179478954\/corteconstitucionalcronologico202454587\/t-189-00\/\" class=\"_self\" target=\"_self\" >T-189-00<\/a><\/h4>\n<div class=\"pt-cv-content\">\u00a0 \u00a0 Sentencia T-189\/00 \u00a0 FALTA DE LEGITIMACION POR ACTIVA EN TUTELA-Inexistencia de prueba de representaci\u00f3n de condominio \u00a0 ACCION DE TUTELA-Hecho superado \u00a0 Referencia: expediente T-254441 \u00a0 Acci\u00f3n de tutela incoada por Luz Amparo Quintero Vargas contra la Superintendencia de Vigilancia y Seguridad Privada. \u00a0 Magistrado Ponente: \u00a0 Dr. JOS\u00c9 GREGORIO HERN\u00c1NDEZ GALINDO\u00a0 \u00a0 Aprobada en Santa Fe de Bogot\u00e1, D.C., veintiocho (28) de febrero de dos mil (2000). \u00a0 SENTENCIA \u00a0 dentro del proceso de revisi\u00f3n del fallo dictado por la Sala Penal del Tribunal Superior de Santa Fe de Bogot\u00e1, al resolver sobre la acci\u00f3n tutela en ...<br \/><div class=\"pt-cv-rmwrap\"><a href=\"https:\/\/www.dmsjuridica.com\/buscador_20179478954\/corteconstitucionalcronologico202454587\/t-189-00\/\" class=\"_self pt-cv-readmore btn btn-success\" target=\"_self\">Ver Sentencia Completa...<\/a><\/div><\/div><\/div><\/div>\n<div class=\"col-md-12 col-sm-12 col-xs-12 pt-cv-content-item pt-cv-1-col\" ><div class='pt-cv-ifield'><a href=\"https:\/\/www.dmsjuridica.com\/buscador_20179478954\/corteconstitucionalcronologico202454587\/t-188-00\/\" class=\"_self pt-cv-href-thumbnail pt-cv-thumb-default\" target=\"_self\" ><\/a>\n<div class=\"pt-cv-taxoterm above_title\"><a href='https:\/\/www.dmsjuridica.com\/buscador_20179478954\/corteconstitucionalcronologico202454587\/category\/buscar-en-toda-la-corte\/2000\/tutelas-2000\/' title='Tutelas 2000' class='pt-cv-tax-tutelas-2000'>Tutelas 2000<\/a><\/div>\n<h4 class=\"pt-cv-title\"><a href=\"https:\/\/www.dmsjuridica.com\/buscador_20179478954\/corteconstitucionalcronologico202454587\/t-188-00\/\" class=\"_self\" target=\"_self\" >T-188-00<\/a><\/h4>\n<div class=\"pt-cv-content\">\u00a0 \u00a0 Sentencia T-188\/00 \u00a0 ACCION DE TUTELA-Procedencia excepcional pago de acreencias laborales \u00a0 Esta Corporaci\u00f3n ha se\u00f1alado que en sentido general la tutela no procede para obtener el pago de acreencias laborales, ante la existencia de otros medios de defensa judicial. Sin embargo, de manera excepcional es viable, cuando el pago oportuno de los salarios se convierte en la \u00fanica fuente de ingresos para llevar una vida en condiciones dignas y justas, constituy\u00e9ndose el mencionado pago en un derecho fundamental de aplicaci\u00f3n inmediata, destinado a suplir el m\u00ednimo vital de las personas, en aras de evitar un perjuicio irremediable ...<br \/><div class=\"pt-cv-rmwrap\"><a href=\"https:\/\/www.dmsjuridica.com\/buscador_20179478954\/corteconstitucionalcronologico202454587\/t-188-00\/\" class=\"_self pt-cv-readmore btn btn-success\" target=\"_self\">Ver Sentencia Completa...<\/a><\/div><\/div><\/div><\/div>\n<div class=\"col-md-12 col-sm-12 col-xs-12 pt-cv-content-item pt-cv-1-col\" ><div class='pt-cv-ifield'><a href=\"https:\/\/www.dmsjuridica.com\/buscador_20179478954\/corteconstitucionalcronologico202454587\/t-187-00\/\" class=\"_self pt-cv-href-thumbnail pt-cv-thumb-default\" target=\"_self\" ><\/a>\n<div class=\"pt-cv-taxoterm above_title\"><a href='https:\/\/www.dmsjuridica.com\/buscador_20179478954\/corteconstitucionalcronologico202454587\/category\/buscar-en-toda-la-corte\/2000\/tutelas-2000\/' title='Tutelas 2000' class='pt-cv-tax-tutelas-2000'>Tutelas 2000<\/a><\/div>\n<h4 class=\"pt-cv-title\"><a href=\"https:\/\/www.dmsjuridica.com\/buscador_20179478954\/corteconstitucionalcronologico202454587\/t-187-00\/\" class=\"_self\" target=\"_self\" >T-187-00<\/a><\/h4>\n<div class=\"pt-cv-content\">EMPLEADOR-Asunci\u00f3n de responsabilidad por mora en aportes en seguridad social \u00a0 EMPLEADOR-Asunci\u00f3n, en principio, servicio de salud por mora en aportes \u00a0 ENTIDAD PROMOTORA DE SALUD-Asunci\u00f3n, subsidiaria, servicio de salud por mora en aportes del empleador \u00a0 FISCALIA GENERAL DE LA NACION-No traslado de aportes para seguridad social por empleador \u00a0 DERECHO AL MINIMO VITAL DEL PENSIONADO-Pago oportuno de mesadas \u00a0 EMPLEADOR-Situaci\u00f3n econ\u00f3mica o presupuestal no es \u00f3bice para desconocer obligaciones laborales \u00a0 Referencia: expediente T-254111 \u00a0 Acci\u00f3n de tutela instaurada por Alejandro Cabas Lara contra el Distrito Tur\u00edstico, Cultural e Hist\u00f3rico de Santa Marta y \"Saludcoop\". \u00a0 Magistrado Ponente: ...<br \/><div class=\"pt-cv-rmwrap\"><a href=\"https:\/\/www.dmsjuridica.com\/buscador_20179478954\/corteconstitucionalcronologico202454587\/t-187-00\/\" class=\"_self pt-cv-readmore btn btn-success\" target=\"_self\">Ver Sentencia Completa...<\/a><\/div><\/div><\/div><\/div>\n<div class=\"col-md-12 col-sm-12 col-xs-12 pt-cv-content-item pt-cv-1-col\" ><div class='pt-cv-ifield'><a href=\"https:\/\/www.dmsjuridica.com\/buscador_20179478954\/corteconstitucionalcronologico202454587\/t-186-00\/\" class=\"_self pt-cv-href-thumbnail pt-cv-thumb-default\" target=\"_self\" ><\/a>\n<div class=\"pt-cv-taxoterm above_title\"><a href='https:\/\/www.dmsjuridica.com\/buscador_20179478954\/corteconstitucionalcronologico202454587\/category\/buscar-en-toda-la-corte\/2000\/tutelas-2000\/' title='Tutelas 2000' class='pt-cv-tax-tutelas-2000'>Tutelas 2000<\/a><\/div>\n<h4 class=\"pt-cv-title\"><a href=\"https:\/\/www.dmsjuridica.com\/buscador_20179478954\/corteconstitucionalcronologico202454587\/t-186-00\/\" class=\"_self\" target=\"_self\" >T-186-00<\/a><\/h4>\n<div class=\"pt-cv-content\">\u00a0 \u00a0 Sentencia T-186\/00 \u00a0 DERECHO DE PETICION-N\u00facleo esencial \u00a0 SOCIEDAD ADMINISTRADORA DE PENSIONES-T\u00e9rmino de cuatro meses para contestar solicitudes referentes a prestaciones sociales\/DERECHO DE PETICION ANTE EL SEGURO SOCIAL-T\u00e9rmino de quince d\u00edas para responder sobre reconocimiento de pensi\u00f3n de vejez \u00a0 Referencia: expediente T-254082 \u00a0 Acci\u00f3n de tutela incoada por Rub\u00e9n Dar\u00edo Carmona contra el Seguro Social -Seccional Valle del Cauca-. \u00a0 Magistrado Ponente: \u00a0 Dr. JOS\u00c9 GREGORIO HERN\u00c1NDEZ GALINDO\u00a0 \u00a0 Aprobada en Santa Fe de Bogot\u00e1, D.C., veintiocho (28) de febrero de dos mil (2000). \u00a0 La Sala Quinta de Revisi\u00f3n de la Corte Constitucional, en ejercicio de ...<br \/><div class=\"pt-cv-rmwrap\"><a href=\"https:\/\/www.dmsjuridica.com\/buscador_20179478954\/corteconstitucionalcronologico202454587\/t-186-00\/\" class=\"_self pt-cv-readmore btn btn-success\" target=\"_self\">Ver Sentencia Completa...<\/a><\/div><\/div><\/div><\/div>\n<div class=\"col-md-12 col-sm-12 col-xs-12 pt-cv-content-item pt-cv-1-col\" ><div class='pt-cv-ifield'><a href=\"https:\/\/www.dmsjuridica.com\/buscador_20179478954\/corteconstitucionalcronologico202454587\/t-185-00\/\" class=\"_self pt-cv-href-thumbnail pt-cv-thumb-default\" target=\"_self\" ><\/a>\n<div class=\"pt-cv-taxoterm above_title\"><a href='https:\/\/www.dmsjuridica.com\/buscador_20179478954\/corteconstitucionalcronologico202454587\/category\/buscar-en-toda-la-corte\/2000\/tutelas-2000\/' title='Tutelas 2000' class='pt-cv-tax-tutelas-2000'>Tutelas 2000<\/a><\/div>\n<h4 class=\"pt-cv-title\"><a href=\"https:\/\/www.dmsjuridica.com\/buscador_20179478954\/corteconstitucionalcronologico202454587\/t-185-00\/\" class=\"_self\" target=\"_self\" >T-185-00<\/a><\/h4>\n<div class=\"pt-cv-content\">\u00a0 \u00a0 Sentencia T-185\/00 \u00a0 SISBEN-Clasificaci\u00f3n de enfermo de sida en nivel que lo deja por fuera del r\u00e9gimen subsidiado \u00a0 ENFERMO DE SIDA-Trato especial \u00a0 En relaci\u00f3n con los enfermos de SIDA, se les ha reconocido un trato especial, debido a la gravedad de la enfermedad, a la capacidad expansiva de la misma, que ha ido aumentando vertiginosamente en los \u00faltimo a\u00f1os, y el peligro que implica para la humanidad. Todo ello, indiscutiblemente, debe propiciar que, en casos concretos, y sobre la base de que est\u00e9n afectados los derechos b\u00e1sicos de la persona, los jueces apliquen postulados plasmados en ...<br \/><div class=\"pt-cv-rmwrap\"><a href=\"https:\/\/www.dmsjuridica.com\/buscador_20179478954\/corteconstitucionalcronologico202454587\/t-185-00\/\" class=\"_self pt-cv-readmore btn btn-success\" target=\"_self\">Ver Sentencia Completa...<\/a><\/div><\/div><\/div><\/div>\n<div class=\"col-md-12 col-sm-12 col-xs-12 pt-cv-content-item pt-cv-1-col\" ><div class='pt-cv-ifield'><a href=\"https:\/\/www.dmsjuridica.com\/buscador_20179478954\/corteconstitucionalcronologico202454587\/t-184-00\/\" class=\"_self pt-cv-href-thumbnail pt-cv-thumb-default\" target=\"_self\" ><\/a>\n<div class=\"pt-cv-taxoterm above_title\"><a href='https:\/\/www.dmsjuridica.com\/buscador_20179478954\/corteconstitucionalcronologico202454587\/category\/buscar-en-toda-la-corte\/2000\/tutelas-2000\/' title='Tutelas 2000' class='pt-cv-tax-tutelas-2000'>Tutelas 2000<\/a><\/div>\n<h4 class=\"pt-cv-title\"><a href=\"https:\/\/www.dmsjuridica.com\/buscador_20179478954\/corteconstitucionalcronologico202454587\/t-184-00\/\" class=\"_self\" target=\"_self\" >T-184-00<\/a><\/h4>\n<div class=\"pt-cv-content\">\u00a0 \u00a0 Sentencia T-184\/00 \u00a0 ACCION DE TUTELA-Procedencia excepcional pago de acreencias laborales \u00a0 ACCION DE TUTELA-Hecho superado \u00a0 PREVENCION EN TUTELA-Pago oportuno de mesadas pensionales \u00a0 Referencia: expediente T-253582 \u00a0 Acci\u00f3n de tutela instaurada por Jose Vicente Buenahora Y Otoniel Rojas Rodriguez \u00a0contra la Gobernaci\u00f3n de Santander. \u00a0 Magistrado Ponente: \u00a0 Dr. JOS\u00c9 GREGORIO HERN\u00c1NDEZ GALINDO \u00a0 Santa Fe de Bogot\u00e1, D.C., veintiocho (28) de febrero de dos mil (2000). \u00a0 La Sala Quinta de Revisi\u00f3n de la Corte Constitucional, en ejercicio de sus competencias constitucionales y legales, espec\u00edficamente las previstas en los art\u00edculos 86 y 241, numeral 9, ...<br \/><div class=\"pt-cv-rmwrap\"><a href=\"https:\/\/www.dmsjuridica.com\/buscador_20179478954\/corteconstitucionalcronologico202454587\/t-184-00\/\" class=\"_self pt-cv-readmore btn btn-success\" target=\"_self\">Ver Sentencia Completa...<\/a><\/div><\/div><\/div><\/div>\n<div class=\"col-md-12 col-sm-12 col-xs-12 pt-cv-content-item pt-cv-1-col\" ><div class='pt-cv-ifield'><a href=\"https:\/\/www.dmsjuridica.com\/buscador_20179478954\/corteconstitucionalcronologico202454587\/t-183-00\/\" class=\"_self pt-cv-href-thumbnail pt-cv-thumb-default\" target=\"_self\" ><\/a>\n<div class=\"pt-cv-taxoterm above_title\"><a href='https:\/\/www.dmsjuridica.com\/buscador_20179478954\/corteconstitucionalcronologico202454587\/category\/buscar-en-toda-la-corte\/2000\/tutelas-2000\/' title='Tutelas 2000' class='pt-cv-tax-tutelas-2000'>Tutelas 2000<\/a><\/div>\n<h4 class=\"pt-cv-title\"><a href=\"https:\/\/www.dmsjuridica.com\/buscador_20179478954\/corteconstitucionalcronologico202454587\/t-183-00\/\" class=\"_self\" target=\"_self\" >T-183-00<\/a><\/h4>\n<div class=\"pt-cv-content\">\u00a0 \u00a0 Sentencia T-183\/00 \u00a0 ACCION DE TUTELA CONTRA PARTICULARES-Procedencia excepcional\u00a0 \u00a0 SUBORDINACION LABORAL-Pago oportuno de salarios \u00a0 ACCION DE TUTELA-Procedencia excepcional pago de acreencias laborales \u00a0 EMPLEADOR-Situaci\u00f3n econ\u00f3mica o presupuestal no es \u00f3bice para desconocer obligaciones laborales\/DERECHO AL MINIMO VITAL DEL TRABAJADOR-Presunci\u00f3n de afectaci\u00f3n por ausencia prolongada en pago de salarios \u00a0 SUSPENSION DE ACTIVIDAD ECONOMICA DE EMPRESA-Autorizaci\u00f3n previa del Ministerio de Trabajo \u00a0 SUSPENSION DE CONTRATO DE TRABAJO-Suspensi\u00f3n de actividades o clausura temporal de empresa previa autorizaci\u00f3n del Ministerio de Trabajo \u00a0 Referencia: expedientes T-245114, T-245115, T-245116 y T-254046 \u00a0 Acciones de tutela instauradas por Luis Guerra Correa, ...<br \/><div class=\"pt-cv-rmwrap\"><a href=\"https:\/\/www.dmsjuridica.com\/buscador_20179478954\/corteconstitucionalcronologico202454587\/t-183-00\/\" class=\"_self pt-cv-readmore btn btn-success\" target=\"_self\">Ver Sentencia Completa...<\/a><\/div><\/div><\/div><\/div>\n<div class=\"col-md-12 col-sm-12 col-xs-12 pt-cv-content-item pt-cv-1-col\" ><div class='pt-cv-ifield'><a href=\"https:\/\/www.dmsjuridica.com\/buscador_20179478954\/corteconstitucionalcronologico202454587\/t-182-00\/\" class=\"_self pt-cv-href-thumbnail pt-cv-thumb-default\" target=\"_self\" ><\/a>\n<div class=\"pt-cv-taxoterm above_title\"><a href='https:\/\/www.dmsjuridica.com\/buscador_20179478954\/corteconstitucionalcronologico202454587\/category\/buscar-en-toda-la-corte\/2000\/tutelas-2000\/' title='Tutelas 2000' class='pt-cv-tax-tutelas-2000'>Tutelas 2000<\/a><\/div>\n<h4 class=\"pt-cv-title\"><a href=\"https:\/\/www.dmsjuridica.com\/buscador_20179478954\/corteconstitucionalcronologico202454587\/t-182-00\/\" class=\"_self\" target=\"_self\" >T-182-00<\/a><\/h4>\n<div class=\"pt-cv-content\">\u00a0 \u00a0 Sentencia T-182\/00 \u00a0 DERECHO AL TRABAJO EN CONDICIONES DIGNAS Y JUSTAS-Pago oportuno de salarios\/DERECHO AL PAGO OPORTUNO DEL SALARIO-Fundamental \u00a0 La Constituci\u00f3n ampara el derecho al trabajo, lo que se traduce en obtener la remuneraci\u00f3n respectiva como contraprestaci\u00f3n por los servicios personales prestados, sin importar la denominaci\u00f3n bajo la cual se lleve a cabo la vinculaci\u00f3n. El pago oportuno de dicha remuneraci\u00f3n se constituye en derecho fundamental, que puede ser lesionado, si el mismo no se cumple en el t\u00e9rmino y condiciones pactadas.\u00a0 \u00a0 DERECHO AL MINIMO VITAL DEL TRABAJADOR-Pago oportuno de salarios \u00a0 Referencia: expediente T-256161\u00a0 \u00a0 ...<br \/><div class=\"pt-cv-rmwrap\"><a href=\"https:\/\/www.dmsjuridica.com\/buscador_20179478954\/corteconstitucionalcronologico202454587\/t-182-00\/\" class=\"_self pt-cv-readmore btn btn-success\" target=\"_self\">Ver Sentencia Completa...<\/a><\/div><\/div><\/div><\/div>\n<div class=\"col-md-12 col-sm-12 col-xs-12 pt-cv-content-item pt-cv-1-col\" ><div class='pt-cv-ifield'><a href=\"https:\/\/www.dmsjuridica.com\/buscador_20179478954\/corteconstitucionalcronologico202454587\/t-181-00\/\" class=\"_self pt-cv-href-thumbnail pt-cv-thumb-default\" target=\"_self\" ><\/a>\n<div class=\"pt-cv-taxoterm above_title\"><a href='https:\/\/www.dmsjuridica.com\/buscador_20179478954\/corteconstitucionalcronologico202454587\/category\/buscar-en-toda-la-corte\/2000\/tutelas-2000\/' title='Tutelas 2000' class='pt-cv-tax-tutelas-2000'>Tutelas 2000<\/a><\/div>\n<h4 class=\"pt-cv-title\"><a href=\"https:\/\/www.dmsjuridica.com\/buscador_20179478954\/corteconstitucionalcronologico202454587\/t-181-00\/\" class=\"_self\" target=\"_self\" >T-181-00<\/a><\/h4>\n<div class=\"pt-cv-content\">\u00a0 \u00a0 Sentencia T-181\/00 \u00a0 SISTEMA DE SEGURIDAD SOCIAL EN SALUD-Beneficiarios no tienen por qu\u00e9 padecer inconvenientes presupuestales de entidades\/DERECHO A LA SALUD-Obstaculizaci\u00f3n de tratamientos por tr\u00e1mites internos de compensaci\u00f3n de cuentas entre empleador y EPS \u00a0 SERVICIO PUBLICO DE SALUD-Beneficiario no puede sufrir consecuencias de mora del empleador en aportes debiendo la entidad de salud suministrar atenci\u00f3n \u00a0 La Corte Constitucional ha establecido que el beneficiario del servicio de salud no puede sufrir las consecuencias del no pago de los aportes por parte del empleador, y que la entidad encargada de prestar el servicio debe suministrarlo a pesar de ...<br \/><div class=\"pt-cv-rmwrap\"><a href=\"https:\/\/www.dmsjuridica.com\/buscador_20179478954\/corteconstitucionalcronologico202454587\/t-181-00\/\" class=\"_self pt-cv-readmore btn btn-success\" target=\"_self\">Ver Sentencia Completa...<\/a><\/div><\/div><\/div><\/div>\n<div class=\"col-md-12 col-sm-12 col-xs-12 pt-cv-content-item pt-cv-1-col\" ><div class='pt-cv-ifield'><a href=\"https:\/\/www.dmsjuridica.com\/buscador_20179478954\/corteconstitucionalcronologico202454587\/t-180-00\/\" class=\"_self pt-cv-href-thumbnail pt-cv-thumb-default\" target=\"_self\" ><\/a>\n<div class=\"pt-cv-taxoterm above_title\"><a href='https:\/\/www.dmsjuridica.com\/buscador_20179478954\/corteconstitucionalcronologico202454587\/category\/buscar-en-toda-la-corte\/2000\/tutelas-2000\/' title='Tutelas 2000' class='pt-cv-tax-tutelas-2000'>Tutelas 2000<\/a><\/div>\n<h4 class=\"pt-cv-title\"><a href=\"https:\/\/www.dmsjuridica.com\/buscador_20179478954\/corteconstitucionalcronologico202454587\/t-180-00\/\" class=\"_self\" target=\"_self\" >T-180-00<\/a><\/h4>\n<div class=\"pt-cv-content\">DERECHO AL PAGO OPORTUNO DEL SALARIO-No importa modalidad en que se desempe\u00f1e el trabajo \u00a0 DERECHO AL PAGO OPORTUNO DEL SALARIO-Omisi\u00f3n implica explotaci\u00f3n y ofensa a la dignidad del trabajador \u00a0 ACCION DE TUTELA-Procedencia excepcional pago de acreencias laborales \u00a0 DERECHO AL PAGO OPORTUNO DEL SALARIO-No se pierde mientras se prueba el tipo de vinculaci\u00f3n existente \u00a0 DERECHO AL PAGO OPORTUNO DEL SALARIO-Prestaci\u00f3n de servicio personal subordinado con independencia de la denominaci\u00f3n jur\u00eddica dada \u00a0 CONTRATO DE TRABAJO-Prolongaci\u00f3n de vigencia por continuidad efectiva del servicio aunque exista previa desvinculaci\u00f3n formal\/EMPLEADOR-Acto formal de desvinculaci\u00f3n laboral queda sin efecto por consentir continuaci\u00f3n ...<br \/><div class=\"pt-cv-rmwrap\"><a href=\"https:\/\/www.dmsjuridica.com\/buscador_20179478954\/corteconstitucionalcronologico202454587\/t-180-00\/\" class=\"_self pt-cv-readmore btn btn-success\" target=\"_self\">Ver Sentencia Completa...<\/a><\/div><\/div><\/div><\/div>\n<div class=\"col-md-12 col-sm-12 col-xs-12 pt-cv-content-item pt-cv-1-col\" ><div class='pt-cv-ifield'><a href=\"https:\/\/www.dmsjuridica.com\/buscador_20179478954\/corteconstitucionalcronologico202454587\/t-179-00\/\" class=\"_self pt-cv-href-thumbnail pt-cv-thumb-default\" target=\"_self\" ><\/a>\n<div class=\"pt-cv-taxoterm above_title\"><a href='https:\/\/www.dmsjuridica.com\/buscador_20179478954\/corteconstitucionalcronologico202454587\/category\/buscar-en-toda-la-corte\/2000\/tutelas-2000\/' title='Tutelas 2000' class='pt-cv-tax-tutelas-2000'>Tutelas 2000<\/a><\/div>\n<h4 class=\"pt-cv-title\"><a href=\"https:\/\/www.dmsjuridica.com\/buscador_20179478954\/corteconstitucionalcronologico202454587\/t-179-00\/\" class=\"_self\" target=\"_self\" >T-179-00<\/a><\/h4>\n<div class=\"pt-cv-content\">\u00a0 \u00a0 Sentencia T-179\/00 \u00a0 ESTADO SOCIAL DE DERECHO-Protecci\u00f3n real de derechos fundamentales \u00a0 PRINCIPIO DE INTEGRALIDAD DEL SISTEMA DE SEGURIDAD SOCIAL EN SALUD-Contenido \u00a0 PLAN OBLIGATORIO DE SALUD-Integralidad \u00a0 PLAN OBLIGATORIO DE SALUD-Gu\u00eda de atenci\u00f3n integral \u00a0 SISTEMA DE SEGURIDAD SOCIAL EN SALUD-Cobertura a beneficiarios menores de edad \u00a0 DERECHO A LA SALUD DEL NI\u00d1O-Procedencia de tutela para tratamiento integral de beneficiario \u00a0 DERECHO A LA SEGURIDAD SOCIAL EN SALUD-Trabajadores dependientes y beneficiarios \u00a0 DERECHO A LA CONTINUIDAD EN EL SERVICIO DE SALUD DEL NI\u00d1O-Atenci\u00f3n dentro del POS y determinaci\u00f3n de tratamiento corresponde al m\u00e9dico tratante \u00a0 TRIBUNAL DE ...<br \/><div class=\"pt-cv-rmwrap\"><a href=\"https:\/\/www.dmsjuridica.com\/buscador_20179478954\/corteconstitucionalcronologico202454587\/t-179-00\/\" class=\"_self pt-cv-readmore btn btn-success\" target=\"_self\">Ver Sentencia Completa...<\/a><\/div><\/div><\/div><\/div>\n<div class=\"col-md-12 col-sm-12 col-xs-12 pt-cv-content-item pt-cv-1-col\" ><div class='pt-cv-ifield'><a href=\"https:\/\/www.dmsjuridica.com\/buscador_20179478954\/corteconstitucionalcronologico202454587\/t-178-00\/\" class=\"_self pt-cv-href-thumbnail pt-cv-thumb-default\" target=\"_self\" ><\/a>\n<div class=\"pt-cv-taxoterm above_title\"><a href='https:\/\/www.dmsjuridica.com\/buscador_20179478954\/corteconstitucionalcronologico202454587\/category\/buscar-en-toda-la-corte\/2000\/tutelas-2000\/' title='Tutelas 2000' class='pt-cv-tax-tutelas-2000'>Tutelas 2000<\/a><\/div>\n<h4 class=\"pt-cv-title\"><a href=\"https:\/\/www.dmsjuridica.com\/buscador_20179478954\/corteconstitucionalcronologico202454587\/t-178-00\/\" class=\"_self\" target=\"_self\" >T-178-00<\/a><\/h4>\n<div class=\"pt-cv-content\">DERECHO DE PETICION-Resoluci\u00f3n de fondo \u00a0 Esta Corporaci\u00f3n ha reiterado que ese derecho fundamental no se satisface con una respuesta meramente formal, sino que es necesaria una verdadera resoluci\u00f3n acerca de lo planteado, de modo que se defina de fondo el asunto sometido a consideraci\u00f3n de la autoridad, desde luego sobre la base de que ella sea competente. \u00a0 DERECHO DE PETICION-Distinci\u00f3n con el desarrollo interno que en la Administraci\u00f3n tenga el curso de la solicitud\/DERECHO DE PETICION-Comunicaci\u00f3n de respuesta\/DERECHO DE PETICION EN ACTUACIONES JUDICIALES-Prevalencia reglas del proceso \u00a0 Debe distinguirse entre el derecho que tiene el peticionario a la ...<br \/><div class=\"pt-cv-rmwrap\"><a href=\"https:\/\/www.dmsjuridica.com\/buscador_20179478954\/corteconstitucionalcronologico202454587\/t-178-00\/\" class=\"_self pt-cv-readmore btn btn-success\" target=\"_self\">Ver Sentencia Completa...<\/a><\/div><\/div><\/div><\/div>\n<div class=\"col-md-12 col-sm-12 col-xs-12 pt-cv-content-item pt-cv-1-col\" ><div class='pt-cv-ifield'><a href=\"https:\/\/www.dmsjuridica.com\/buscador_20179478954\/corteconstitucionalcronologico202454587\/t-177-00\/\" class=\"_self pt-cv-href-thumbnail pt-cv-thumb-default\" target=\"_self\" ><\/a>\n<div class=\"pt-cv-taxoterm above_title\"><a href='https:\/\/www.dmsjuridica.com\/buscador_20179478954\/corteconstitucionalcronologico202454587\/category\/buscar-en-toda-la-corte\/2000\/tutelas-2000\/' title='Tutelas 2000' class='pt-cv-tax-tutelas-2000'>Tutelas 2000<\/a><\/div>\n<h4 class=\"pt-cv-title\"><a href=\"https:\/\/www.dmsjuridica.com\/buscador_20179478954\/corteconstitucionalcronologico202454587\/t-177-00\/\" class=\"_self\" target=\"_self\" >T-177-00<\/a><\/h4>\n<div class=\"pt-cv-content\">\u00a0 \u00a0 Sentencia T-177\/00 \u00a0 DERECHO AL PAGO OPORTUNO DEL SALARIO-Fundamental \u00a0 La Sala reitera que el pago oportuno de los salarios viene a constituirse en un verdadero derecho fundamental, teniendo en cuenta que el incumplimiento en la cancelaci\u00f3n de los mismos lesiona derechos tambi\u00e9n fundamentales como la subsistencia y la dignidad de la persona, y en casos como el presente derechos prevalentes como los de los ni\u00f1os. \u00a0 DERECHO AL MINIMO VITAL DEL TRABAJADOR-Pago oportuno de salarios \u00a0 El pago de los salarios es una derivaci\u00f3n del derecho al trabajo y constituye precisamente la retribuci\u00f3n por los servicios personales ...<br \/><div class=\"pt-cv-rmwrap\"><a href=\"https:\/\/www.dmsjuridica.com\/buscador_20179478954\/corteconstitucionalcronologico202454587\/t-177-00\/\" class=\"_self pt-cv-readmore btn btn-success\" target=\"_self\">Ver Sentencia Completa...<\/a><\/div><\/div><\/div><\/div>\n<div class=\"col-md-12 col-sm-12 col-xs-12 pt-cv-content-item pt-cv-1-col\" ><div class='pt-cv-ifield'><a href=\"https:\/\/www.dmsjuridica.com\/buscador_20179478954\/corteconstitucionalcronologico202454587\/t-176-00\/\" class=\"_self pt-cv-href-thumbnail pt-cv-thumb-default\" target=\"_self\" ><\/a>\n<div class=\"pt-cv-taxoterm above_title\"><a href='https:\/\/www.dmsjuridica.com\/buscador_20179478954\/corteconstitucionalcronologico202454587\/category\/buscar-en-toda-la-corte\/2000\/tutelas-2000\/' title='Tutelas 2000' class='pt-cv-tax-tutelas-2000'>Tutelas 2000<\/a><\/div>\n<h4 class=\"pt-cv-title\"><a href=\"https:\/\/www.dmsjuridica.com\/buscador_20179478954\/corteconstitucionalcronologico202454587\/t-176-00\/\" class=\"_self\" target=\"_self\" >T-176-00<\/a><\/h4>\n<div class=\"pt-cv-content\">\u00a0 \u00a0 Sentencia T-176\/00 \u00a0 ACCION DE TUTELA CONTRA PARTICULARES-Procedencia excepcional \u00a0 SUBORDINACION LABORAL-Pago oportuno de salarios \u00a0 EMPLEADOR-Situaci\u00f3n ec\u00f3nomica o presupuestal no es \u00f3bice para desconocer obligaciones laborales \u00a0 DERECHO AL MINIMO VITAL DEL TRABAJADOR-Presunci\u00f3n de afectaci\u00f3n por ausencia prolongada en pago de salarios \u00a0 EMPLEADOR-Asunci\u00f3n de responsabilidad por mora en aportes en salud y pensi\u00f3n \u00a0 Referencia: expediente T-255374 \u00a0 Acci\u00f3n de tutela instaurada por Luis Mar\u00eda Carvajal D\u00edaz contra \"Transautos Garz\u00f3n Ltda.\" \u00a0 Magistrado Ponente: \u00a0 Dr. JOS\u00c9 GREGORIO HERN\u00c1NDEZ GALINDO \u00a0 Santa Fe de Bogot\u00e1 D.C., veinticuatro (24) de febrero de dos mil (2000). \u00a0 La ...<br \/><div class=\"pt-cv-rmwrap\"><a href=\"https:\/\/www.dmsjuridica.com\/buscador_20179478954\/corteconstitucionalcronologico202454587\/t-176-00\/\" class=\"_self pt-cv-readmore btn btn-success\" target=\"_self\">Ver Sentencia Completa...<\/a><\/div><\/div><\/div><\/div>\n<div class=\"col-md-12 col-sm-12 col-xs-12 pt-cv-content-item pt-cv-1-col\" ><div class='pt-cv-ifield'><a href=\"https:\/\/www.dmsjuridica.com\/buscador_20179478954\/corteconstitucionalcronologico202454587\/t-1758-00\/\" class=\"_self pt-cv-href-thumbnail pt-cv-thumb-default\" target=\"_self\" ><\/a>\n<div class=\"pt-cv-taxoterm above_title\"><a href='https:\/\/www.dmsjuridica.com\/buscador_20179478954\/corteconstitucionalcronologico202454587\/category\/buscar-en-toda-la-corte\/2000\/tutelas-2000\/' title='Tutelas 2000' class='pt-cv-tax-tutelas-2000'>Tutelas 2000<\/a><\/div>\n<h4 class=\"pt-cv-title\"><a href=\"https:\/\/www.dmsjuridica.com\/buscador_20179478954\/corteconstitucionalcronologico202454587\/t-1758-00\/\" class=\"_self\" target=\"_self\" >T-1758-00<\/a><\/h4>\n<div class=\"pt-cv-content\">\u00a0 \u00a0 Sentencia T-1758\/00 \u00a0 LIBERTAD DE ASOCIACION SINDICAL-Afiliaci\u00f3n a varios sindicatos de la misma clase o actividad \u00a0 DERECHO DE ASOCIACION SINDICAL-Vulneraci\u00f3n por aplicaci\u00f3n de norma declarada inexequible\/DERECHO DE ASOCIACION SINDICAL-Descuentos sindicales \u00a0 Referencia: expediente T-337425 \u00a0 Acci\u00f3n de tutela incoada por Orlando de Jes\u00fas Correa Raigoza, en representaci\u00f3n del Sindicato Nacional de Trabajadores de la Industria del Caf\u00e9 -Sintrainduscafe- contra la Federaci\u00f3n Nacional de Cafeteros y ALMACAFE.\u00a0 \u00a0 Magistrado Ponente: \u00a0 Dr. JOS\u00c9 GREGORIO HERN\u00c1NDEZ GALINDO \u00a0 Bogot\u00e1, D.C., quince (15) de diciembre de dos mil (2000). \u00a0 La Sala Quinta de Revisi\u00f3n de la Corte Constitucional, en ...<br \/><div class=\"pt-cv-rmwrap\"><a href=\"https:\/\/www.dmsjuridica.com\/buscador_20179478954\/corteconstitucionalcronologico202454587\/t-1758-00\/\" class=\"_self pt-cv-readmore btn btn-success\" target=\"_self\">Ver Sentencia Completa...<\/a><\/div><\/div><\/div><\/div>\n<div class=\"col-md-12 col-sm-12 col-xs-12 pt-cv-content-item pt-cv-1-col\" ><div class='pt-cv-ifield'><a href=\"https:\/\/www.dmsjuridica.com\/buscador_20179478954\/corteconstitucionalcronologico202454587\/t-1757-00\/\" class=\"_self pt-cv-href-thumbnail pt-cv-thumb-default\" target=\"_self\" ><\/a>\n<div class=\"pt-cv-taxoterm above_title\"><a href='https:\/\/www.dmsjuridica.com\/buscador_20179478954\/corteconstitucionalcronologico202454587\/category\/buscar-en-toda-la-corte\/2000\/tutelas-2000\/' title='Tutelas 2000' class='pt-cv-tax-tutelas-2000'>Tutelas 2000<\/a><\/div>\n<h4 class=\"pt-cv-title\"><a href=\"https:\/\/www.dmsjuridica.com\/buscador_20179478954\/corteconstitucionalcronologico202454587\/t-1757-00\/\" class=\"_self\" target=\"_self\" >T-1757-00<\/a><\/h4>\n<div class=\"pt-cv-content\">\u00a0 \u00a0 Sentencia T-1757\/00 \u00a0 MEDIO DE DEFENSA JUDICIAL EFICAZ-Alcance\/DERECHO DE ASOCIACION SINDICAL-Desconocimiento por despido colectivo de trabajadores \u00a0 TERMINACION UNILATERAL DE CONTRATO DE TRABAJO-Facultad de empleador no es absoluta \u00a0 LIBERTAD DE ASOCIACION SINDICAL-Persecuci\u00f3n \u00a0 Referencia: expedientes acumulados T-327969, T-330711, T-331630, T-331633, T-335572 y T-333574. \u00a0 Acciones de tutela incoadas por Wilson Blanco Garc\u00eda; Ra\u00fal Calder\u00f3n Delgado; Omaira Su\u00e1rez Portilla; Yolanda Gonz\u00e1lez Meneses, William Alfredo Santos Pedraza, Eddison Porras Acevedo, Claudia Yaneth Garc\u00eda Espinosa y Carlos Humberto Santos M\u00e9ndez; Felix Ricardo Garc\u00eda Mart\u00ednez y Lina Mar\u00eda Rinc\u00f3n Castillo contra las Empresas P\u00fablicas de Bucaramanga S.A. -E.S.P. \u00a0 Magistrado Ponente: ...<br \/><div class=\"pt-cv-rmwrap\"><a href=\"https:\/\/www.dmsjuridica.com\/buscador_20179478954\/corteconstitucionalcronologico202454587\/t-1757-00\/\" class=\"_self pt-cv-readmore btn btn-success\" target=\"_self\">Ver Sentencia Completa...<\/a><\/div><\/div><\/div><\/div>\n<div class=\"col-md-12 col-sm-12 col-xs-12 pt-cv-content-item pt-cv-1-col\" ><div class='pt-cv-ifield'><a href=\"https:\/\/www.dmsjuridica.com\/buscador_20179478954\/corteconstitucionalcronologico202454587\/t-1756-00\/\" class=\"_self pt-cv-href-thumbnail pt-cv-thumb-default\" target=\"_self\" ><\/a>\n<div class=\"pt-cv-taxoterm above_title\"><a href='https:\/\/www.dmsjuridica.com\/buscador_20179478954\/corteconstitucionalcronologico202454587\/category\/buscar-en-toda-la-corte\/2000\/tutelas-2000\/' title='Tutelas 2000' class='pt-cv-tax-tutelas-2000'>Tutelas 2000<\/a><\/div>\n<h4 class=\"pt-cv-title\"><a href=\"https:\/\/www.dmsjuridica.com\/buscador_20179478954\/corteconstitucionalcronologico202454587\/t-1756-00\/\" class=\"_self\" target=\"_self\" >T-1756-00<\/a><\/h4>\n<div class=\"pt-cv-content\">\u00a0 \u00a0 Sentencia T-1756\/00 \u00a0 LIBERTAD DE ASOCIACION SINDICAL-Afiliaci\u00f3n a varios sindicatos de la misma clase o actividad \u00a0 DERECHO DE ASOCIACION SINDICAL-Vulneraci\u00f3n por aplicaci\u00f3n de norma declarada inexequible\/DERECHO DE ASOCIACION SINDICAL-Permisos sindicales \u00a0 Referencia: expedientes acumulados \u00a0T-244613 y T-252896 \u00a0 Acciones de tutela incoadas por Gloria Agudelo R., obrando en su propio nombre y como presidenta de la \"Asociaci\u00f3n de Empleados de Suramericana -ASES-\", e Ibell Zamira Vald\u00e9s B. contra la \"Compa\u00f1\u00eda Suramericana de Seguros S.A.\". \u00a0 Magistrado Ponente: \u00a0 Dr. JOS\u00c9 GREGORIO HERN\u00c1NDEZ GALINDO \u00a0 Bogot\u00e1, D.C., quince (15) de diciembre de dos mil (2000). \u00a0 La Sala ...<br \/><div class=\"pt-cv-rmwrap\"><a href=\"https:\/\/www.dmsjuridica.com\/buscador_20179478954\/corteconstitucionalcronologico202454587\/t-1756-00\/\" class=\"_self pt-cv-readmore btn btn-success\" target=\"_self\">Ver Sentencia Completa...<\/a><\/div><\/div><\/div><\/div>\n<div class=\"col-md-12 col-sm-12 col-xs-12 pt-cv-content-item pt-cv-1-col\" ><div class='pt-cv-ifield'><a href=\"https:\/\/www.dmsjuridica.com\/buscador_20179478954\/corteconstitucionalcronologico202454587\/t-1755-00\/\" class=\"_self pt-cv-href-thumbnail pt-cv-thumb-default\" target=\"_self\" ><\/a>\n<div class=\"pt-cv-taxoterm above_title\"><a href='https:\/\/www.dmsjuridica.com\/buscador_20179478954\/corteconstitucionalcronologico202454587\/category\/buscar-en-toda-la-corte\/2000\/tutelas-2000\/' title='Tutelas 2000' class='pt-cv-tax-tutelas-2000'>Tutelas 2000<\/a><\/div>\n<h4 class=\"pt-cv-title\"><a href=\"https:\/\/www.dmsjuridica.com\/buscador_20179478954\/corteconstitucionalcronologico202454587\/t-1755-00\/\" class=\"_self\" target=\"_self\" >T-1755-00<\/a><\/h4>\n<div class=\"pt-cv-content\">\u00a0 \u00a0 Sentencia T-1755\/00 \u00a0 La terminaci\u00f3n unilateral del contrato es una facultad que tienen tanto el empleador, como el trabajador, derivada del principio non adimpleti contractus, que consiste en la posibilidad que tiene una parte de extinguir unilateralmente una convenci\u00f3n pactada, cuando la otra ha incumplido determinadas obligaciones. \u00a0Ahora, si bien en derecho laboral, la situaci\u00f3n de subordinaci\u00f3n en que se encuentra el trabajador respecto del empleador, justifica la consagraci\u00f3n de algunas prerrogativas a su favor, no por ello se desnaturaliza la instituci\u00f3n de la terminaci\u00f3n unilateral del contrato, ni se puede afirmar que adquiere el car\u00e1cter de facultad ...<br \/><div class=\"pt-cv-rmwrap\"><a href=\"https:\/\/www.dmsjuridica.com\/buscador_20179478954\/corteconstitucionalcronologico202454587\/t-1755-00\/\" class=\"_self pt-cv-readmore btn btn-success\" target=\"_self\">Ver Sentencia Completa...<\/a><\/div><\/div><\/div><\/div>\n<div class=\"col-md-12 col-sm-12 col-xs-12 pt-cv-content-item pt-cv-1-col\" ><div class='pt-cv-ifield'><a href=\"https:\/\/www.dmsjuridica.com\/buscador_20179478954\/corteconstitucionalcronologico202454587\/t-1754-00\/\" class=\"_self pt-cv-href-thumbnail pt-cv-thumb-default\" target=\"_self\" ><\/a>\n<div class=\"pt-cv-taxoterm above_title\"><a href='https:\/\/www.dmsjuridica.com\/buscador_20179478954\/corteconstitucionalcronologico202454587\/category\/buscar-en-toda-la-corte\/2000\/tutelas-2000\/' title='Tutelas 2000' class='pt-cv-tax-tutelas-2000'>Tutelas 2000<\/a><\/div>\n<h4 class=\"pt-cv-title\"><a href=\"https:\/\/www.dmsjuridica.com\/buscador_20179478954\/corteconstitucionalcronologico202454587\/t-1754-00\/\" class=\"_self\" target=\"_self\" >T-1754-00<\/a><\/h4>\n<div class=\"pt-cv-content\">\u00a0 \u00a0 Sentencia T-1754\/00 \u00a0 ACCION DE TUTELA-Hecho superado \u00a0 Reiteraci\u00f3n de Jurisprudencia \u00a0 Referencia: expediente T-327 961. Acci\u00f3n de tutela instaurada por NORBEL DE JESUS TORO BERMUDEZ contra la E.P.S. SANITAS. \u00a0 Magistrado ponente: \u00a0 Dr. FABIO MORON DIAZ \u00a0 Bogot\u00e1 D.C., catorce (14) de diciembre de dos mil (2000). \u00a0 La Sala S\u00e9ptima de Revisi\u00f3n de la Corte Constitucional, en ejercicio de sus competencias constitucionales y legales, espec\u00edficamente las previstas en los art\u00edculos 86 y 241, numeral 9, de la Constituci\u00f3n Pol\u00edtica y en el decreto 2591 de 1991, ha proferido la siguiente \u00a0 SENTENCIA \u00a0 que pone ...<br \/><div class=\"pt-cv-rmwrap\"><a href=\"https:\/\/www.dmsjuridica.com\/buscador_20179478954\/corteconstitucionalcronologico202454587\/t-1754-00\/\" class=\"_self pt-cv-readmore btn btn-success\" target=\"_self\">Ver Sentencia Completa...<\/a><\/div><\/div><\/div><\/div>\n<div class=\"col-md-12 col-sm-12 col-xs-12 pt-cv-content-item pt-cv-1-col\" ><div class='pt-cv-ifield'><a href=\"https:\/\/www.dmsjuridica.com\/buscador_20179478954\/corteconstitucionalcronologico202454587\/t-1753-00\/\" class=\"_self pt-cv-href-thumbnail pt-cv-thumb-default\" target=\"_self\" ><\/a>\n<div class=\"pt-cv-taxoterm above_title\"><a href='https:\/\/www.dmsjuridica.com\/buscador_20179478954\/corteconstitucionalcronologico202454587\/category\/buscar-en-toda-la-corte\/2000\/tutelas-2000\/' title='Tutelas 2000' class='pt-cv-tax-tutelas-2000'>Tutelas 2000<\/a><\/div>\n<h4 class=\"pt-cv-title\"><a href=\"https:\/\/www.dmsjuridica.com\/buscador_20179478954\/corteconstitucionalcronologico202454587\/t-1753-00\/\" class=\"_self\" target=\"_self\" >T-1753-00<\/a><\/h4>\n<div class=\"pt-cv-content\">\u00a0 \u00a0 Sentencia T-1753\/00 \u00a0 LEGITIMACION POR ACTIVA EN TUTELA-Madre en representaci\u00f3n de hijo enfermo \u00a0 DERECHO A LA SALUD-Fundamental por conexidad con la vida \u00a0 ACCION DE TUTELA DE UN DERECHO PRESTACIONAL-Requisitos concurrentes \u00a0 DERECHO A LA VIDA DIGNA-Suministro de medicamentos no contenidos en listado oficial \u00a0 \u00a0 \u00a0 \u00a0 \u00a0\u00a0 \u00a0 Reiteraci\u00f3n de jurisprudencia \u00a0 Referencia: expediente T-271525 \u00a0 Acci\u00f3n de tutela instaurada por Rosalba Torres P\u00e9rez contra el Ministerio de Salud. \u00a0 Magistrado Ponente: \u00a0 Dr. ALVARO TAFUR GALVIS\u00a0 \u00a0 Bogot\u00e1, D.C., a los quince (15) d\u00edas del mes de diciembre de dos mil (2000). \u00a0 La ...<br \/><div class=\"pt-cv-rmwrap\"><a href=\"https:\/\/www.dmsjuridica.com\/buscador_20179478954\/corteconstitucionalcronologico202454587\/t-1753-00\/\" class=\"_self pt-cv-readmore btn btn-success\" target=\"_self\">Ver Sentencia Completa...<\/a><\/div><\/div><\/div><\/div>\n<div class=\"col-md-12 col-sm-12 col-xs-12 pt-cv-content-item pt-cv-1-col\" ><div class='pt-cv-ifield'><a href=\"https:\/\/www.dmsjuridica.com\/buscador_20179478954\/corteconstitucionalcronologico202454587\/t-1752-00\/\" class=\"_self pt-cv-href-thumbnail pt-cv-thumb-default\" target=\"_self\" ><\/a>\n<div class=\"pt-cv-taxoterm above_title\"><a href='https:\/\/www.dmsjuridica.com\/buscador_20179478954\/corteconstitucionalcronologico202454587\/category\/buscar-en-toda-la-corte\/2000\/tutelas-2000\/' title='Tutelas 2000' class='pt-cv-tax-tutelas-2000'>Tutelas 2000<\/a><\/div>\n<h4 class=\"pt-cv-title\"><a href=\"https:\/\/www.dmsjuridica.com\/buscador_20179478954\/corteconstitucionalcronologico202454587\/t-1752-00\/\" class=\"_self\" target=\"_self\" >T-1752-00<\/a><\/h4>\n<div class=\"pt-cv-content\">\u00a0 \u00a0 Sentencia T-1752\/00 \u00a0 MEDIO DE DEFENSA JUDICIAL-Efectividad \u00a0 DERECHO A LA VIDA DE PERSONA DE LA TERCERA EDAD-Protecci\u00f3n por tutela \u00a0 En los casos en que est\u00e9 amenazado o se haya producido una vulneraci\u00f3n del derecho a llevar una vida digna, las personas de la tercera edad gozan de una protecci\u00f3n excepcional, que hace procedente la tutela, a pesar de la existencia de otros medios de defensa, cuando constituya un mecanismo necesario para prevenir la consumaci\u00f3n de un perjuicio irremediable. Esta sub-norma constitucional, que se ha formulado como un principio de cautela, para asegurar la vigencia de los ...<br \/><div class=\"pt-cv-rmwrap\"><a href=\"https:\/\/www.dmsjuridica.com\/buscador_20179478954\/corteconstitucionalcronologico202454587\/t-1752-00\/\" class=\"_self pt-cv-readmore btn btn-success\" target=\"_self\">Ver Sentencia Completa...<\/a><\/div><\/div><\/div><\/div>\n<div class=\"col-md-12 col-sm-12 col-xs-12 pt-cv-content-item pt-cv-1-col\" ><div class='pt-cv-ifield'><a href=\"https:\/\/www.dmsjuridica.com\/buscador_20179478954\/corteconstitucionalcronologico202454587\/t-1751-00\/\" class=\"_self pt-cv-href-thumbnail pt-cv-thumb-default\" target=\"_self\" ><\/a>\n<div class=\"pt-cv-taxoterm above_title\"><a href='https:\/\/www.dmsjuridica.com\/buscador_20179478954\/corteconstitucionalcronologico202454587\/category\/buscar-en-toda-la-corte\/2000\/tutelas-2000\/' title='Tutelas 2000' class='pt-cv-tax-tutelas-2000'>Tutelas 2000<\/a><\/div>\n<h4 class=\"pt-cv-title\"><a href=\"https:\/\/www.dmsjuridica.com\/buscador_20179478954\/corteconstitucionalcronologico202454587\/t-1751-00\/\" class=\"_self\" target=\"_self\" >T-1751-00<\/a><\/h4>\n<div class=\"pt-cv-content\">\u00a0 \u00a0 Sentencia T-1751\/00 \u00a0 ACCION DE TUTELA-Procedencia excepcional pago de mesadas pensionales \u00a0 MINIMO VITAL-Alcance \u00a0 DERECHO AL MINIMO VITAL DEL PENSIONADO-Pago oportuno de mesadas \u00a0 Referencia: expediente T-366924 \u00a0 Accionante: Maria Gloria Granda\u00a0 \u00a0 Procedencia: Tribunal Superior de Antioquia, \u00a0 \u00a0 Sala Laboral\u00a0 \u00a0 Magistrado Ponente: \u00a0 Dr. ALEJANDRO MARTINEZ CABALLERO \u00a0 Bogot\u00e1, D.C., catorce \u00a0(14) de Diciembre de dos mil (2000).\u00a0 \u00a0 La Sala Sexta de Revisi\u00f3n de la Corte Constitucional, integrada por los Magistrados doctores Fabio Mor\u00f3n D\u00edaz, Cristina Pardo Schlesinger y Alejandro Mart\u00ednez Caballero, quien la preside, en ejercicio de sus competencias constitucionales y legales, ...<br \/><div class=\"pt-cv-rmwrap\"><a href=\"https:\/\/www.dmsjuridica.com\/buscador_20179478954\/corteconstitucionalcronologico202454587\/t-1751-00\/\" class=\"_self pt-cv-readmore btn btn-success\" target=\"_self\">Ver Sentencia Completa...<\/a><\/div><\/div><\/div><\/div>\n<div class=\"col-md-12 col-sm-12 col-xs-12 pt-cv-content-item pt-cv-1-col\" ><div class='pt-cv-ifield'><a href=\"https:\/\/www.dmsjuridica.com\/buscador_20179478954\/corteconstitucionalcronologico202454587\/t-1750-00\/\" class=\"_self pt-cv-href-thumbnail pt-cv-thumb-default\" target=\"_self\" ><\/a>\n<div class=\"pt-cv-taxoterm above_title\"><a href='https:\/\/www.dmsjuridica.com\/buscador_20179478954\/corteconstitucionalcronologico202454587\/category\/buscar-en-toda-la-corte\/2000\/tutelas-2000\/' title='Tutelas 2000' class='pt-cv-tax-tutelas-2000'>Tutelas 2000<\/a><\/div>\n<h4 class=\"pt-cv-title\"><a href=\"https:\/\/www.dmsjuridica.com\/buscador_20179478954\/corteconstitucionalcronologico202454587\/t-1750-00\/\" class=\"_self\" target=\"_self\" >T-1750-00<\/a><\/h4>\n<div class=\"pt-cv-content\">\u00a0 \u00a0 Sentencia T-1750\/00 \u00a0 ACCION DE TUTELA CONTRA PARTICULARES-Subordinaci\u00f3n \u00a0 LIBERTAD DE ASOCIACION-Naturaleza \u00a0 REGIMEN DE PROPIEDAD HORIZONTAL-Requisitos \u00a0 DEBER DE SOLIDARIDAD-Convivencia de habitantes de conjunto residencial \u00a0 ASOCIACION DE PROPIETARIOS DE CONJUNTO RESIDENCIAL-Naturaleza \u00a0 Corresponde a la autoridad municipal competente \u00a0el aprobar o no la asimilaci\u00f3n de la asociaci\u00f3n a una unidad inmobiliaria sometida al r\u00e9gimen de propiedad horizontal. En este caso, no se encuentra probado el pronunciamiento de la autoridad competente con respecto a la naturaleza que deba tener la asociaci\u00f3n en estudio, seg\u00fan pruebas allegadas al expediente. Por no haberse completado los requisitos, la asociaci\u00f3n sigue ...<br \/><div class=\"pt-cv-rmwrap\"><a href=\"https:\/\/www.dmsjuridica.com\/buscador_20179478954\/corteconstitucionalcronologico202454587\/t-1750-00\/\" class=\"_self pt-cv-readmore btn btn-success\" target=\"_self\">Ver Sentencia Completa...<\/a><\/div><\/div><\/div><\/div>\n<div class=\"col-md-12 col-sm-12 col-xs-12 pt-cv-content-item pt-cv-1-col\" ><div class='pt-cv-ifield'><a href=\"https:\/\/www.dmsjuridica.com\/buscador_20179478954\/corteconstitucionalcronologico202454587\/t-175-00\/\" class=\"_self pt-cv-href-thumbnail pt-cv-thumb-default\" target=\"_self\" ><\/a>\n<div class=\"pt-cv-taxoterm above_title\"><a href='https:\/\/www.dmsjuridica.com\/buscador_20179478954\/corteconstitucionalcronologico202454587\/category\/buscar-en-toda-la-corte\/2000\/tutelas-2000\/' title='Tutelas 2000' class='pt-cv-tax-tutelas-2000'>Tutelas 2000<\/a><\/div>\n<h4 class=\"pt-cv-title\"><a href=\"https:\/\/www.dmsjuridica.com\/buscador_20179478954\/corteconstitucionalcronologico202454587\/t-175-00\/\" class=\"_self\" target=\"_self\" >T-175-00<\/a><\/h4>\n<div class=\"pt-cv-content\">\u00a0 \u00a0 Sentencia T-175\/00 \u00a0 ACCION DE TUTELA-Procedencia excepcional pago de acreencias laborales \u00a0 ACCION DE TUTELA-Nueva presentaci\u00f3n para pago oportuno de mesadas pensionales diferentes \u00a0 DERECHO AL PAGO OPORTUNO DE LA PENSION-Nueva presentaci\u00f3n de tutela para pago de mesadas diferentes \u00a0 EMPLEADOR-Situaci\u00f3n econ\u00f3mica o presupuestal no es \u00f3bice para desconocer obligaciones laborales \u00a0 Referencia: expediente T-255060 \u00a0 Acci\u00f3n de tutela instaurada por Victor Narvaez contra la Gobernaci\u00f3n de Nari\u00f1o.\u00a0 \u00a0 Magistrado Ponente: \u00a0 Dr. JOS\u00c9 GREGORIO HERN\u00c1NDEZ GALINDO \u00a0 Aprobada en Santa Fe de Bogot\u00e1, D.C., veinticuatro (24) de febrero de dos mil (2000). \u00a0 La Sala Quinta de ...<br \/><div class=\"pt-cv-rmwrap\"><a href=\"https:\/\/www.dmsjuridica.com\/buscador_20179478954\/corteconstitucionalcronologico202454587\/t-175-00\/\" class=\"_self pt-cv-readmore btn btn-success\" target=\"_self\">Ver Sentencia Completa...<\/a><\/div><\/div><\/div><\/div>\n<div class=\"col-md-12 col-sm-12 col-xs-12 pt-cv-content-item pt-cv-1-col\" ><div class='pt-cv-ifield'><a href=\"https:\/\/www.dmsjuridica.com\/buscador_20179478954\/corteconstitucionalcronologico202454587\/t-1749-00\/\" class=\"_self pt-cv-href-thumbnail pt-cv-thumb-default\" target=\"_self\" ><\/a>\n<div class=\"pt-cv-taxoterm above_title\"><a href='https:\/\/www.dmsjuridica.com\/buscador_20179478954\/corteconstitucionalcronologico202454587\/category\/buscar-en-toda-la-corte\/2000\/tutelas-2000\/' title='Tutelas 2000' class='pt-cv-tax-tutelas-2000'>Tutelas 2000<\/a><\/div>\n<h4 class=\"pt-cv-title\"><a href=\"https:\/\/www.dmsjuridica.com\/buscador_20179478954\/corteconstitucionalcronologico202454587\/t-1749-00\/\" class=\"_self\" target=\"_self\" >T-1749-00<\/a><\/h4>\n<div class=\"pt-cv-content\">\u00a0 \u00a0 Sentencia T-1749\/00 \u00a0 AGENCIA OFICIOSA EN TUTELA-Requisitos \u00a0 ACCION DE TUTELA-Improcedencia por indebida legitimaci\u00f3n por activa \u00a0 Reiteraci\u00f3n de Jurisprudencia \u00a0 Referencia: expediente T- 358432 \u00a0 Acci\u00f3n de tutela instaurada por Doris Fadul Ocampo contra CAFESALUD. \u00a0 Magistrado Ponente: \u00a0 Dr. FABIO MOR\u00d3N D\u00cdAZ \u00a0 Bogot\u00e1, D.C., a los doce (12) d\u00edas del mes de diciembre \u00a0de dos mil (2000). \u00a0 La Sala S\u00e9ptima de Revisi\u00f3n de la Corte Constitucional, en ejercicio de sus competencias constitucionales y legales, en particular las contenidas en los art\u00edculos 86 y 241, numeral 9, de la Constituci\u00f3n y en el Decreto 2591 ...<br \/><div class=\"pt-cv-rmwrap\"><a href=\"https:\/\/www.dmsjuridica.com\/buscador_20179478954\/corteconstitucionalcronologico202454587\/t-1749-00\/\" class=\"_self pt-cv-readmore btn btn-success\" target=\"_self\">Ver Sentencia Completa...<\/a><\/div><\/div><\/div><\/div>\n<div class=\"col-md-12 col-sm-12 col-xs-12 pt-cv-content-item pt-cv-1-col\" ><div class='pt-cv-ifield'><a href=\"https:\/\/www.dmsjuridica.com\/buscador_20179478954\/corteconstitucionalcronologico202454587\/t-1748-00\/\" class=\"_self pt-cv-href-thumbnail pt-cv-thumb-default\" target=\"_self\" ><\/a>\n<div class=\"pt-cv-taxoterm above_title\"><a href='https:\/\/www.dmsjuridica.com\/buscador_20179478954\/corteconstitucionalcronologico202454587\/category\/buscar-en-toda-la-corte\/2000\/tutelas-2000\/' title='Tutelas 2000' class='pt-cv-tax-tutelas-2000'>Tutelas 2000<\/a><\/div>\n<h4 class=\"pt-cv-title\"><a href=\"https:\/\/www.dmsjuridica.com\/buscador_20179478954\/corteconstitucionalcronologico202454587\/t-1748-00\/\" class=\"_self\" target=\"_self\" >T-1748-00<\/a><\/h4>\n<div class=\"pt-cv-content\">\u00a0 \u00a0 Sentencia T-1748\/00 \u00a0 DERECHO DE PETICION-N\u00facleo esencial\/DERECHO DE PETICION-Alcance \u00a0 DERECHO DE PETICION ANTE ORGANIZACIONES PRIVADAS-Procedencia \u00a0 Reiteraci\u00f3n de Jurisprudencia \u00a0 Referencia: expediente T-357511 \u00a0 Acci\u00f3n de tutela instaurada por Hern\u00e1n Giraldo Correa contra COOVEZAGRO Ltda. \u00a0 Magistrado Ponente: \u00a0 Dr. FABIO MOR\u00d3N D\u00cdAZ \u00a0 Bogot\u00e1 D.C., a los doce (12) d\u00edas del mes de diciembre de dos mil (2000). \u00a0 La Sala S\u00e9ptima de Revisi\u00f3n de la Corte Constitucional, integrada por los Magistrados CRISTINA PARDO SCHLESINGER, ALVARO TAFUR GALVIS y FABIO MOR\u00d3N D\u00cdAZ, en ejercicio de sus competencias constitucionales y legales, ha proferido la siguiente \u00a0 SENTENCIA ...<br \/><div class=\"pt-cv-rmwrap\"><a href=\"https:\/\/www.dmsjuridica.com\/buscador_20179478954\/corteconstitucionalcronologico202454587\/t-1748-00\/\" class=\"_self pt-cv-readmore btn btn-success\" target=\"_self\">Ver Sentencia Completa...<\/a><\/div><\/div><\/div><\/div>\n<div class=\"col-md-12 col-sm-12 col-xs-12 pt-cv-content-item pt-cv-1-col\" ><div class='pt-cv-ifield'><a href=\"https:\/\/www.dmsjuridica.com\/buscador_20179478954\/corteconstitucionalcronologico202454587\/t-1747-00\/\" class=\"_self pt-cv-href-thumbnail pt-cv-thumb-default\" target=\"_self\" ><\/a>\n<div class=\"pt-cv-taxoterm above_title\"><a href='https:\/\/www.dmsjuridica.com\/buscador_20179478954\/corteconstitucionalcronologico202454587\/category\/buscar-en-toda-la-corte\/2000\/tutelas-2000\/' title='Tutelas 2000' class='pt-cv-tax-tutelas-2000'>Tutelas 2000<\/a><\/div>\n<h4 class=\"pt-cv-title\"><a href=\"https:\/\/www.dmsjuridica.com\/buscador_20179478954\/corteconstitucionalcronologico202454587\/t-1747-00\/\" class=\"_self\" target=\"_self\" >T-1747-00<\/a><\/h4>\n<div class=\"pt-cv-content\">\u00a0 \u00a0 Sentencia T-1747\/00 \u00a0 ACCION DE TUTELA-Hecho superado \u00a0 Referencia: expediente T-357104 \u00a0 Acci\u00f3n de tutela instaurada por Viviana Marcela Hern\u00e1ndez Chaparro contra el Colegio de Mar\u00eda. \u00a0 Magistrado Ponente: \u00a0 Dr. FABIO MOR\u00d3N D\u00cdAZ\u00a0 \u00a0 Bogot\u00e1, D.C., a los doce (12) d\u00edas del mes de diciembre del a\u00f1o dos mil (2000). \u00a0\u00a0 \u00a0 SENTENCIA \u00a0 dentro del proceso de revisi\u00f3n de las sentencias de 19 de junio de 2000 de la Sala Laboral del Tribunal Superior de Bogot\u00e1 y de 14 de julio de 2000 de la Sala de Casaci\u00f3n Laboral de la Corte Suprema de Justicia, en ...<br \/><div class=\"pt-cv-rmwrap\"><a href=\"https:\/\/www.dmsjuridica.com\/buscador_20179478954\/corteconstitucionalcronologico202454587\/t-1747-00\/\" class=\"_self pt-cv-readmore btn btn-success\" target=\"_self\">Ver Sentencia Completa...<\/a><\/div><\/div><\/div><\/div>\n<div class=\"col-md-12 col-sm-12 col-xs-12 pt-cv-content-item pt-cv-1-col\" ><div class='pt-cv-ifield'><a href=\"https:\/\/www.dmsjuridica.com\/buscador_20179478954\/corteconstitucionalcronologico202454587\/t-1746-00\/\" class=\"_self pt-cv-href-thumbnail pt-cv-thumb-default\" target=\"_self\" ><\/a>\n<div class=\"pt-cv-taxoterm above_title\"><a href='https:\/\/www.dmsjuridica.com\/buscador_20179478954\/corteconstitucionalcronologico202454587\/category\/buscar-en-toda-la-corte\/2000\/tutelas-2000\/' title='Tutelas 2000' class='pt-cv-tax-tutelas-2000'>Tutelas 2000<\/a><\/div>\n<h4 class=\"pt-cv-title\"><a href=\"https:\/\/www.dmsjuridica.com\/buscador_20179478954\/corteconstitucionalcronologico202454587\/t-1746-00\/\" class=\"_self\" target=\"_self\" >T-1746-00<\/a><\/h4>\n<div class=\"pt-cv-content\">\u00a0 \u00a0 Sentencia T-1746\/00 \u00a0 DERECHO DE ASOCIACION SINDICAL-Alcance \u00a0 SINDICATO-Entrega oportuna de cuotas por empleador\/EMPLEADOR-Retenci\u00f3n indebida de cuotas sindicales \u00a0 LEGITIMACION POR ACTIVA DEL SINDICATO-Presentaci\u00f3n de tutela \u00a0 Reiteraci\u00f3n de Jurisprudencia \u00a0 Referencia: expediente T-356872 \u00a0 Acci\u00f3n de tutela instaurada por la Asociaci\u00f3n Nacional de Enfermeras Certificadas \u201cANDEC\u201d contra la E.S.E. Hospital de Baranoa. \u00a0 Magistrado Ponente: \u00a0 Dr. FABIO MOR\u00d3N D\u00cdAZ \u00a0 Bogot\u00e1 D.C., a los doce (12) d\u00edas del mes de diciembre de dos mil (2000). \u00a0 La Sala S\u00e9ptima de Revisi\u00f3n de la Corte Constitucional, integrada por los Magistrados Cristina Pardo Schlesinger, Alvaro Tafur Galvis Y ...<br \/><div class=\"pt-cv-rmwrap\"><a href=\"https:\/\/www.dmsjuridica.com\/buscador_20179478954\/corteconstitucionalcronologico202454587\/t-1746-00\/\" class=\"_self pt-cv-readmore btn btn-success\" target=\"_self\">Ver Sentencia Completa...<\/a><\/div><\/div><\/div><\/div>\n<div class=\"col-md-12 col-sm-12 col-xs-12 pt-cv-content-item pt-cv-1-col\" ><div class='pt-cv-ifield'><a href=\"https:\/\/www.dmsjuridica.com\/buscador_20179478954\/corteconstitucionalcronologico202454587\/t-1745-00\/\" class=\"_self pt-cv-href-thumbnail pt-cv-thumb-default\" target=\"_self\" ><\/a>\n<div class=\"pt-cv-taxoterm above_title\"><a href='https:\/\/www.dmsjuridica.com\/buscador_20179478954\/corteconstitucionalcronologico202454587\/category\/buscar-en-toda-la-corte\/2000\/tutelas-2000\/' title='Tutelas 2000' class='pt-cv-tax-tutelas-2000'>Tutelas 2000<\/a><\/div>\n<h4 class=\"pt-cv-title\"><a href=\"https:\/\/www.dmsjuridica.com\/buscador_20179478954\/corteconstitucionalcronologico202454587\/t-1745-00\/\" class=\"_self\" target=\"_self\" >T-1745-00<\/a><\/h4>\n<div class=\"pt-cv-content\">\u00a0 \u00a0 Sentencia T-1745\/00 \u00a0 DERECHO A LA EDUCACION-No vulneraci\u00f3n \u00a0 ACCION DE TUTELA-Improcedencia cuando no se ha vulnerado derecho fundamental alguno \u00a0 Referencia: expediente T-355.815 \u00a0 Peticionaria: Fabiola Reyes G\u00f3mez \u00a0 Procedencia: \u00a0 Juzgado 2\u00b0 Civil del Circuito de Buga \u00a0 Magistrada Ponente (e): \u00a0 Dra. CRISTINA PARDO SCHLESINGER \u00a0 Bogot\u00e1, D.C., \u00a0once (11) de diciembre de dos mil (2000). \u00a0 SENTENCIA \u00a0 en el proceso de tutela radicado bajo el n\u00famero T-355.815 adelantado por la ciudadana Fabiola Reyes G\u00f3mez contra Instituto Ginebra La Salle de Ginebra, Valle. \u00a0 I.\u00a0 \u00a0 \u00a0 \u00a0 \u00a0ANTECEDENTES \u00a0 De acuerdo con lo ...<br \/><div class=\"pt-cv-rmwrap\"><a href=\"https:\/\/www.dmsjuridica.com\/buscador_20179478954\/corteconstitucionalcronologico202454587\/t-1745-00\/\" class=\"_self pt-cv-readmore btn btn-success\" target=\"_self\">Ver Sentencia Completa...<\/a><\/div><\/div><\/div><\/div>\n<div class=\"col-md-12 col-sm-12 col-xs-12 pt-cv-content-item pt-cv-1-col\" ><div class='pt-cv-ifield'><a href=\"https:\/\/www.dmsjuridica.com\/buscador_20179478954\/corteconstitucionalcronologico202454587\/t-1744-00\/\" class=\"_self pt-cv-href-thumbnail pt-cv-thumb-default\" target=\"_self\" ><\/a>\n<div class=\"pt-cv-taxoterm above_title\"><a href='https:\/\/www.dmsjuridica.com\/buscador_20179478954\/corteconstitucionalcronologico202454587\/category\/buscar-en-toda-la-corte\/2000\/tutelas-2000\/' title='Tutelas 2000' class='pt-cv-tax-tutelas-2000'>Tutelas 2000<\/a><\/div>\n<h4 class=\"pt-cv-title\"><a href=\"https:\/\/www.dmsjuridica.com\/buscador_20179478954\/corteconstitucionalcronologico202454587\/t-1744-00\/\" class=\"_self\" target=\"_self\" >T-1744-00<\/a><\/h4>\n<div class=\"pt-cv-content\">\u00a0 \u00a0 Sentencia T-1744\/00 \u00a0 DERECHO DE PETICION-Alcance y contenido\/DERECHO DE PETICION-No constituye respuesta informaci\u00f3n suministrada al juez de tutela \u00a0 DERECHO DE PETICION-Resoluci\u00f3n con formato preimpreso \u00a0 Referencia: expediente T-356003 \u00a0 Acci\u00f3n de tutela instaurada por Alvaro Betancourt Vel\u00e1squez contra CAJANAL Seccional Bogot\u00e1. \u00a0 Magistrado Ponente: \u00a0 Dr. FABIO MOR\u00d3N D\u00cdAZ \u00a0 Bogot\u00e1 D.C., a los doce (12) d\u00edas del mes de diciembre de dos mil (2000). \u00a0 La Sala S\u00e9ptima de Revisi\u00f3n de la Corte Constitucional, integrada por los Magistrados Cristina Pardo Schlesinger, Alvaro Tafur Galvis y Fabio Mor\u00f3n D\u00edaz, en ejercicio de sus competencias constitucionales y legales, ...<br \/><div class=\"pt-cv-rmwrap\"><a href=\"https:\/\/www.dmsjuridica.com\/buscador_20179478954\/corteconstitucionalcronologico202454587\/t-1744-00\/\" class=\"_self pt-cv-readmore btn btn-success\" target=\"_self\">Ver Sentencia Completa...<\/a><\/div><\/div><\/div><\/div>\n<div class=\"col-md-12 col-sm-12 col-xs-12 pt-cv-content-item pt-cv-1-col\" ><div class='pt-cv-ifield'><a href=\"https:\/\/www.dmsjuridica.com\/buscador_20179478954\/corteconstitucionalcronologico202454587\/t-1743-00\/\" class=\"_self pt-cv-href-thumbnail pt-cv-thumb-default\" target=\"_self\" ><\/a>\n<div class=\"pt-cv-taxoterm above_title\"><a href='https:\/\/www.dmsjuridica.com\/buscador_20179478954\/corteconstitucionalcronologico202454587\/category\/buscar-en-toda-la-corte\/2000\/tutelas-2000\/' title='Tutelas 2000' class='pt-cv-tax-tutelas-2000'>Tutelas 2000<\/a><\/div>\n<h4 class=\"pt-cv-title\"><a href=\"https:\/\/www.dmsjuridica.com\/buscador_20179478954\/corteconstitucionalcronologico202454587\/t-1743-00\/\" class=\"_self\" target=\"_self\" >T-1743-00<\/a><\/h4>\n<div class=\"pt-cv-content\">\u00a0 \u00a0 Sentencia T-1743\/00 \u00a0 DERECHO DE PETICION FRENTE AL SILENCIO ADMINISTRATIVO NEGATIVO-Deber de resolver la solicitud \u00a0 ACCION DE TUTELA-Hecho superado \u00a0 Reiteraci\u00f3n de Jurisprudencia \u00a0 Referencia: expediente T-355974 \u00a0 Acci\u00f3n de tutela instaurada por Carmen Silva S\u00e1nchez contra CAJANAL. \u00a0 Magistrado Ponente: \u00a0 Dr. FABIO MOR\u00d3N D\u00cdAZ \u00a0 Bogot\u00e1 D.C., a los doce (12) d\u00edas del mes de diciembre de dos mil (2000). \u00a0 La Sala S\u00e9ptima de Revisi\u00f3n de la Corte Constitucional, integrada por los Magistrados CRISTINA PARDO SCHLESINGER, ALVARO TAFUR GALVIS y FABIO MOR\u00d3N D\u00cdAZ, en ejercicio de sus competencias constitucionales y legales, ha proferido la ...<br \/><div class=\"pt-cv-rmwrap\"><a href=\"https:\/\/www.dmsjuridica.com\/buscador_20179478954\/corteconstitucionalcronologico202454587\/t-1743-00\/\" class=\"_self pt-cv-readmore btn btn-success\" target=\"_self\">Ver Sentencia Completa...<\/a><\/div><\/div><\/div><\/div>\n<div class=\"col-md-12 col-sm-12 col-xs-12 pt-cv-content-item pt-cv-1-col\" ><div class='pt-cv-ifield'><a href=\"https:\/\/www.dmsjuridica.com\/buscador_20179478954\/corteconstitucionalcronologico202454587\/t-1742-00\/\" class=\"_self pt-cv-href-thumbnail pt-cv-thumb-default\" target=\"_self\" ><\/a>\n<div class=\"pt-cv-taxoterm above_title\"><a href='https:\/\/www.dmsjuridica.com\/buscador_20179478954\/corteconstitucionalcronologico202454587\/category\/buscar-en-toda-la-corte\/2000\/tutelas-2000\/' title='Tutelas 2000' class='pt-cv-tax-tutelas-2000'>Tutelas 2000<\/a><\/div>\n<h4 class=\"pt-cv-title\"><a href=\"https:\/\/www.dmsjuridica.com\/buscador_20179478954\/corteconstitucionalcronologico202454587\/t-1742-00\/\" class=\"_self\" target=\"_self\" >T-1742-00<\/a><\/h4>\n<div class=\"pt-cv-content\">\u00a0 \u00a0 Sentencia T-1742\/00 \u00a0 DERECHO DE PETICION-Respuesta oportuna y de fondo \u00a0 DERECHO DE PETICION-Alcance \u00a0 DERECHO A LA SALUD-Culminaci\u00f3n de tratamiento m\u00e9dico a paciente excluido como beneficiario de atenci\u00f3n m\u00e9dica \u00a0 DERECHO A LA SALUD-Conexidad con la integridad f\u00edsica \u00a0 Reiteraci\u00f3n de Jurisprudencia \u00a0 Referencia: expediente T-355948 \u00a0 Acci\u00f3n de tutela instaurada por Victor Manuel V\u00e1squez S\u00e1chica contra el Servicio Medico Asistencial del SENA. \u00a0 Magistrado Ponente: \u00a0 Dr. FABIO MOR\u00d3N D\u00cdAZ \u00a0 Bogot\u00e1 D.C., a los doce (12) d\u00edas del mes de diciembre de dos mil (2000). \u00a0 La Sala S\u00e9ptima de Revisi\u00f3n de la Corte Constitucional, ...<br \/><div class=\"pt-cv-rmwrap\"><a href=\"https:\/\/www.dmsjuridica.com\/buscador_20179478954\/corteconstitucionalcronologico202454587\/t-1742-00\/\" class=\"_self pt-cv-readmore btn btn-success\" target=\"_self\">Ver Sentencia Completa...<\/a><\/div><\/div><\/div><\/div>\n<div class=\"col-md-12 col-sm-12 col-xs-12 pt-cv-content-item pt-cv-1-col\" ><div class='pt-cv-ifield'><a href=\"https:\/\/www.dmsjuridica.com\/buscador_20179478954\/corteconstitucionalcronologico202454587\/t-1741-00\/\" class=\"_self pt-cv-href-thumbnail pt-cv-thumb-default\" target=\"_self\" ><\/a>\n<div class=\"pt-cv-taxoterm above_title\"><a href='https:\/\/www.dmsjuridica.com\/buscador_20179478954\/corteconstitucionalcronologico202454587\/category\/buscar-en-toda-la-corte\/2000\/tutelas-2000\/' title='Tutelas 2000' class='pt-cv-tax-tutelas-2000'>Tutelas 2000<\/a><\/div>\n<h4 class=\"pt-cv-title\"><a href=\"https:\/\/www.dmsjuridica.com\/buscador_20179478954\/corteconstitucionalcronologico202454587\/t-1741-00\/\" class=\"_self\" target=\"_self\" >T-1741-00<\/a><\/h4>\n<div class=\"pt-cv-content\">\u00a0 \u00a0 Sentencia T-1741\/00 \u00a0 ACCION DE TUTELA-Improcedencia por no existir derecho reconocido y cierto \u00a0 Reiteraci\u00f3n de Jurisprudencia \u00a0 Referencia: expediente T-355631 \u00a0 Acci\u00f3n de tutela instaurada por Linda Lenis S\u00e1nchez Mar\u00edn contra CAJANAL Seccional Medell\u00edn. \u00a0 Magistrado ponente: \u00a0 Dr. FABIO MOR\u00d3N D\u00cdAZ \u00a0 Bogot\u00e1 D.C., a los doce (12) d\u00edas del mes de diciembre de dos mil (2000). \u00a0 La Sala S\u00e9ptima de Revisi\u00f3n de la Corte Constitucional, integrada por los Magistrados CRISTINA PARDO SCHLESINGER, ALVARO TAFUR GALVIS y FABIO MOR\u00d3N D\u00cdAZ, en ejercicio de sus competencias constitucionales y legales, ha proferido la siguiente, \u00a0 SENTENCIA \u00a0 ...<br \/><div class=\"pt-cv-rmwrap\"><a href=\"https:\/\/www.dmsjuridica.com\/buscador_20179478954\/corteconstitucionalcronologico202454587\/t-1741-00\/\" class=\"_self pt-cv-readmore btn btn-success\" target=\"_self\">Ver Sentencia Completa...<\/a><\/div><\/div><\/div><\/div>\n<div class=\"col-md-12 col-sm-12 col-xs-12 pt-cv-content-item pt-cv-1-col\" ><div class='pt-cv-ifield'><a href=\"https:\/\/www.dmsjuridica.com\/buscador_20179478954\/corteconstitucionalcronologico202454587\/t-1740-00\/\" class=\"_self pt-cv-href-thumbnail pt-cv-thumb-default\" target=\"_self\" ><\/a>\n<div class=\"pt-cv-taxoterm above_title\"><a href='https:\/\/www.dmsjuridica.com\/buscador_20179478954\/corteconstitucionalcronologico202454587\/category\/buscar-en-toda-la-corte\/2000\/tutelas-2000\/' title='Tutelas 2000' class='pt-cv-tax-tutelas-2000'>Tutelas 2000<\/a><\/div>\n<h4 class=\"pt-cv-title\"><a href=\"https:\/\/www.dmsjuridica.com\/buscador_20179478954\/corteconstitucionalcronologico202454587\/t-1740-00\/\" class=\"_self\" target=\"_self\" >T-1740-00<\/a><\/h4>\n<div class=\"pt-cv-content\">\u00a0 \u00a0 Sentencia T-1740\/00 \u00a0 DERECHO A LA EDUCACION DEL NI\u00d1O-Fundamental\/DERECHO A LA EDUCACION-Vulneraci\u00f3n \u00a0 DERECHO A LA EDUCACION-Retenci\u00f3n certificado de estudios por no pago de pensi\u00f3n \u00a0 Reiteraci\u00f3n de Jurisprudencia \u00a0 Referencia: expediente T-354119 \u00a0 Acci\u00f3n de tutela instaurada por Jaime Andr\u00e9s Espit\u00eda contra el Colegio Cooperativo Integrado La Anunciaci\u00f3n del Municipio de Floridablanca. \u00a0 Magistrado Ponente: \u00a0 Dr. FABIO MOR\u00d3N D\u00cdAZ \u00a0 Bogot\u00e1 D.C., a los doce (12) d\u00edas del mes de diciembre de dos mil (2000). \u00a0 La Sala S\u00e9ptima de Revisi\u00f3n de la Corte Constitucional, integrada por los Magistrados CRISTINA PARDO SCHLESINGER, ALVARO TAFUR GALVIS y ...<br \/><div class=\"pt-cv-rmwrap\"><a href=\"https:\/\/www.dmsjuridica.com\/buscador_20179478954\/corteconstitucionalcronologico202454587\/t-1740-00\/\" class=\"_self pt-cv-readmore btn btn-success\" target=\"_self\">Ver Sentencia Completa...<\/a><\/div><\/div><\/div><\/div>\n<div class=\"col-md-12 col-sm-12 col-xs-12 pt-cv-content-item pt-cv-1-col\" ><div class='pt-cv-ifield'><a href=\"https:\/\/www.dmsjuridica.com\/buscador_20179478954\/corteconstitucionalcronologico202454587\/t-174-00\/\" class=\"_self pt-cv-href-thumbnail pt-cv-thumb-default\" target=\"_self\" ><\/a>\n<div class=\"pt-cv-taxoterm above_title\"><a href='https:\/\/www.dmsjuridica.com\/buscador_20179478954\/corteconstitucionalcronologico202454587\/category\/buscar-en-toda-la-corte\/2000\/tutelas-2000\/' title='Tutelas 2000' class='pt-cv-tax-tutelas-2000'>Tutelas 2000<\/a><\/div>\n<h4 class=\"pt-cv-title\"><a href=\"https:\/\/www.dmsjuridica.com\/buscador_20179478954\/corteconstitucionalcronologico202454587\/t-174-00\/\" class=\"_self\" target=\"_self\" >T-174-00<\/a><\/h4>\n<div class=\"pt-cv-content\">\u00a0 \u00a0 Sentencia T-174\/00 \u00a0 ACCION DE TUTELA-Procedencia excepcional pago de acreencias laborales \u00a0 JUEZ DE TUTELA-Decreto de pruebas \u00a0 VIDA DIGNA DE TRABAJADOR-Regla general de no contar con entradas distintas del salario \u00a0 EMPLEADOR-Situaci\u00f3n econ\u00f3mica o presupuestal no es \u00f3bice para desconocer obligaciones laborales \u00a0 DERECHO AL MINIMO VITAL DEL TRABAJADOR-Pago oportuno de salarios \u00a0 Referencia: expediente T-254978 \u00a0 Acci\u00f3n de tutela instaurada por Ana del Cristo Portacio Mercado, Irma Espitaleta Araujo y Jos\u00e9 Enrique Herrera Jim\u00e9nez contra el Municipio de Planeta Rica. \u00a0 Magistrado Ponente: \u00a0 Dr. JOS\u00c9 GREGORIO HERN\u00c1NDEZ GALINDO \u00a0 Santa Fe de Bogot\u00e1, D.C., veinticuatro ...<br \/><div class=\"pt-cv-rmwrap\"><a href=\"https:\/\/www.dmsjuridica.com\/buscador_20179478954\/corteconstitucionalcronologico202454587\/t-174-00\/\" class=\"_self pt-cv-readmore btn btn-success\" target=\"_self\">Ver Sentencia Completa...<\/a><\/div><\/div><\/div><\/div>\n<div class=\"col-md-12 col-sm-12 col-xs-12 pt-cv-content-item pt-cv-1-col\" ><div class='pt-cv-ifield'><a href=\"https:\/\/www.dmsjuridica.com\/buscador_20179478954\/corteconstitucionalcronologico202454587\/t-1739-00\/\" class=\"_self pt-cv-href-thumbnail pt-cv-thumb-default\" target=\"_self\" ><\/a>\n<div class=\"pt-cv-taxoterm above_title\"><a href='https:\/\/www.dmsjuridica.com\/buscador_20179478954\/corteconstitucionalcronologico202454587\/category\/buscar-en-toda-la-corte\/2000\/tutelas-2000\/' title='Tutelas 2000' class='pt-cv-tax-tutelas-2000'>Tutelas 2000<\/a><\/div>\n<h4 class=\"pt-cv-title\"><a href=\"https:\/\/www.dmsjuridica.com\/buscador_20179478954\/corteconstitucionalcronologico202454587\/t-1739-00\/\" class=\"_self\" target=\"_self\" >T-1739-00<\/a><\/h4>\n<div class=\"pt-cv-content\">\u00a0 \u00a0 Sentencia T-1739\/00 \u00a0 DEBIDO PROCESO-Definici\u00f3n \u00a0 DEBIDO PROCESO-Eficacia de las formas propias de cada juicio \u00a0 DERECHO DE DEFENSA-Alcance y contenido \u00a0 PROCESO DISCIPLINARIO A INTERNO-Otorgamiento de garant\u00edas para ejercer el derecho de contradicci\u00f3n \u00a0 ACCION DE TUTELA-Hecho superado \u00a0 Referencia: expediente T-349.752 \u00a0 Peticionario: Alberto C\u00e9spedes Ram\u00edrez\u00a0 \u00a0 Procedencia: \u00a0 Juzgado 4 penal del Circuito de Neiva \u00a0 Tribunal Superior del Distrito Judicial de Neiva \u00a0 Tema: debido proceso y hecho superado \u00a0 Magistrada Ponente (e): \u00a0 Dra. CRISTINA PARDO SCHLESINGER\u00a0 \u00a0 Bogot\u00e1, D.C., once (11) de diciembre de dos mil (2000). \u00a0 La Sala Novena de ...<br \/><div class=\"pt-cv-rmwrap\"><a href=\"https:\/\/www.dmsjuridica.com\/buscador_20179478954\/corteconstitucionalcronologico202454587\/t-1739-00\/\" class=\"_self pt-cv-readmore btn btn-success\" target=\"_self\">Ver Sentencia Completa...<\/a><\/div><\/div><\/div><\/div>\n<div class=\"col-md-12 col-sm-12 col-xs-12 pt-cv-content-item pt-cv-1-col\" ><div class='pt-cv-ifield'><a href=\"https:\/\/www.dmsjuridica.com\/buscador_20179478954\/corteconstitucionalcronologico202454587\/t-1738-00\/\" class=\"_self pt-cv-href-thumbnail pt-cv-thumb-default\" target=\"_self\" ><\/a>\n<div class=\"pt-cv-taxoterm above_title\"><a href='https:\/\/www.dmsjuridica.com\/buscador_20179478954\/corteconstitucionalcronologico202454587\/category\/buscar-en-toda-la-corte\/2000\/tutelas-2000\/' title='Tutelas 2000' class='pt-cv-tax-tutelas-2000'>Tutelas 2000<\/a><\/div>\n<h4 class=\"pt-cv-title\"><a href=\"https:\/\/www.dmsjuridica.com\/buscador_20179478954\/corteconstitucionalcronologico202454587\/t-1738-00\/\" class=\"_self\" target=\"_self\" >T-1738-00<\/a><\/h4>\n<div class=\"pt-cv-content\">\u00a0 \u00a0 Sentencia T-1738\/00 \u00a0 DERECHO DE PETICION-N\u00facleo esencial\/DERECHO DE PETICION FRENTE AL SILENCIO ADMINISTRATIVO NEGATIVO-Deber de resolver la solicitud \u00a0 Referencia: expediente T- 390.583. \u00a0 Actora: Mariela Ram\u00edrez de Echeverry, contra el Seguro Social, Seccional Valle del Cauca. \u00a0 Procedencia: Juzgado Primero Civil del \u00a0Circuito de \u00a0Guadalajara de Buga. \u00a0 Magistrado Ponente: \u00a0 Dr. ALFREDO BELTR\u00c1N SIERRA \u00a0 La Sala Segunda (2a.) de Revisi\u00f3n de la Corte Constitucional, integrada por los magistrados, Alfredo Beltr\u00e1n Sierra, Carlos Gaviria D\u00edaz y Martha V. S\u00e1chica de Moncaleano, en ejercicio de sus competencias constitucionales y legales, ha proferido la siguiente \u00a0 SENTENCIA \u00a0 ...<br \/><div class=\"pt-cv-rmwrap\"><a href=\"https:\/\/www.dmsjuridica.com\/buscador_20179478954\/corteconstitucionalcronologico202454587\/t-1738-00\/\" class=\"_self pt-cv-readmore btn btn-success\" target=\"_self\">Ver Sentencia Completa...<\/a><\/div><\/div><\/div><\/div>\n<div class=\"col-md-12 col-sm-12 col-xs-12 pt-cv-content-item pt-cv-1-col\" ><div class='pt-cv-ifield'><a href=\"https:\/\/www.dmsjuridica.com\/buscador_20179478954\/corteconstitucionalcronologico202454587\/t-1737-00\/\" class=\"_self pt-cv-href-thumbnail pt-cv-thumb-default\" target=\"_self\" ><\/a>\n<div class=\"pt-cv-taxoterm above_title\"><a href='https:\/\/www.dmsjuridica.com\/buscador_20179478954\/corteconstitucionalcronologico202454587\/category\/buscar-en-toda-la-corte\/2000\/tutelas-2000\/' title='Tutelas 2000' class='pt-cv-tax-tutelas-2000'>Tutelas 2000<\/a><\/div>\n<h4 class=\"pt-cv-title\"><a href=\"https:\/\/www.dmsjuridica.com\/buscador_20179478954\/corteconstitucionalcronologico202454587\/t-1737-00\/\" class=\"_self\" target=\"_self\" >T-1737-00<\/a><\/h4>\n<div class=\"pt-cv-content\">\u00a0 \u00a0 Sentencia T-1737\/00 \u00a0 DERECHO A LA SALUD-Fundamental por conexidad con la vida \u00a0 INAPLICACION DE NORMAS DEL PLAN OBLIGATORIO DE SALUD-Casos en que procede por exclusi\u00f3n de tratamientos y medicamentos de alto costo \u00a0 ENTIDAD PROMOTORA DE SALUD-Realizaci\u00f3n examen de ecocardiograma a persona de la tercera edad \u00a0 Referencia: expediente T-388.997 \u00a0 Acci\u00f3n de tutela instaurada por Cecilia Villamizar de Mel\u00e9ndez contra Servir S.A., IPS. \u00a0 Magistrado Ponente:\u00a0 \u00a0 Dr. ALFREDO BELTR\u00c1N SIERRA \u00a0 Bogot\u00e1, D.C., trece (13) de diciembre del a\u00f1o dos mil (2.000) \u00a0 La Sala Segunda de Revisi\u00f3n de la Corte Constitucional, en ejercicio de ...<br \/><div class=\"pt-cv-rmwrap\"><a href=\"https:\/\/www.dmsjuridica.com\/buscador_20179478954\/corteconstitucionalcronologico202454587\/t-1737-00\/\" class=\"_self pt-cv-readmore btn btn-success\" target=\"_self\">Ver Sentencia Completa...<\/a><\/div><\/div><\/div><\/div>\n<div class=\"col-md-12 col-sm-12 col-xs-12 pt-cv-content-item pt-cv-1-col\" ><div class='pt-cv-ifield'><a href=\"https:\/\/www.dmsjuridica.com\/buscador_20179478954\/corteconstitucionalcronologico202454587\/t-1736-00\/\" class=\"_self pt-cv-href-thumbnail pt-cv-thumb-default\" target=\"_self\" ><\/a>\n<div class=\"pt-cv-taxoterm above_title\"><a href='https:\/\/www.dmsjuridica.com\/buscador_20179478954\/corteconstitucionalcronologico202454587\/category\/buscar-en-toda-la-corte\/2000\/tutelas-2000\/' title='Tutelas 2000' class='pt-cv-tax-tutelas-2000'>Tutelas 2000<\/a><\/div>\n<h4 class=\"pt-cv-title\"><a href=\"https:\/\/www.dmsjuridica.com\/buscador_20179478954\/corteconstitucionalcronologico202454587\/t-1736-00\/\" class=\"_self\" target=\"_self\" >T-1736-00<\/a><\/h4>\n<div class=\"pt-cv-content\">\u00a0 \u00a0 Sentencia T-1736\/00 \u00a0 EXTRADICION-Naturaleza \u00a0 EXTRADICION-L\u00edmites \u00a0 Se pueden establecer las siguientes limitaciones de origen constitucional respecto a la aplicaci\u00f3n de la figura de la extradici\u00f3n: a) la extradici\u00f3n de colombianos por nacimiento es procedente si se aplica a delitos cometidos en el exterior, y las conductas por las cuales es requerida \u00a0la extradici\u00f3n son consideradas delito en la legislaci\u00f3n colombiana; b) la extradici\u00f3n no proceder\u00e1 por delitos pol\u00edticos; c) tampoco procede cuando se trate de hechos cometidos con anterioridad a la promulgaci\u00f3n del Acto legislativo 01 de 1997; y d) no procede si la persona solicitada por ...<br \/><div class=\"pt-cv-rmwrap\"><a href=\"https:\/\/www.dmsjuridica.com\/buscador_20179478954\/corteconstitucionalcronologico202454587\/t-1736-00\/\" class=\"_self pt-cv-readmore btn btn-success\" target=\"_self\">Ver Sentencia Completa...<\/a><\/div><\/div><\/div><\/div>\n<div class=\"col-md-12 col-sm-12 col-xs-12 pt-cv-content-item pt-cv-1-col\" ><div class='pt-cv-ifield'><a href=\"https:\/\/www.dmsjuridica.com\/buscador_20179478954\/corteconstitucionalcronologico202454587\/t-1735-00\/\" class=\"_self pt-cv-href-thumbnail pt-cv-thumb-default\" target=\"_self\" ><\/a>\n<div class=\"pt-cv-taxoterm above_title\"><a href='https:\/\/www.dmsjuridica.com\/buscador_20179478954\/corteconstitucionalcronologico202454587\/category\/buscar-en-toda-la-corte\/2000\/tutelas-2000\/' title='Tutelas 2000' class='pt-cv-tax-tutelas-2000'>Tutelas 2000<\/a><\/div>\n<h4 class=\"pt-cv-title\"><a href=\"https:\/\/www.dmsjuridica.com\/buscador_20179478954\/corteconstitucionalcronologico202454587\/t-1735-00\/\" class=\"_self\" target=\"_self\" >T-1735-00<\/a><\/h4>\n<div class=\"pt-cv-content\">\u00a0 \u00a0 Sentencia T-1735\/00 \u00a0 DERECHO AL PAGO OPORTUNO DEL SALARIO-Fundamental \u00a0 SALARIO-Movilidad\/DERECHO AL MINIMO VITAL DEL TRABAJADOR-Pago oportuno de salarios con indexaci\u00f3n \u00a0 EMPLEADOR-Falta de presupuesto o insolvencia para pago oportuno de salarios no es raz\u00f3n suficiente \u00a0 MEDIO DE DEFENSA JUDICIAL INEFICAZ-Pago de salarios por afectaci\u00f3n del m\u00ednimo vital \u00a0 El mecanismo alterno con el cual cuenta la actora para la defensa de los derechos que le vienen siendo conculcados, no puede pasar de ser una protecci\u00f3n meramente formal, puesto que la firma demandada por v\u00eda laboral no cuenta con otro bien sobre el cual puedan hacerse efectivas ...<br \/><div class=\"pt-cv-rmwrap\"><a href=\"https:\/\/www.dmsjuridica.com\/buscador_20179478954\/corteconstitucionalcronologico202454587\/t-1735-00\/\" class=\"_self pt-cv-readmore btn btn-success\" target=\"_self\">Ver Sentencia Completa...<\/a><\/div><\/div><\/div><\/div>\n<div class=\"col-md-12 col-sm-12 col-xs-12 pt-cv-content-item pt-cv-1-col\" ><div class='pt-cv-ifield'><a href=\"https:\/\/www.dmsjuridica.com\/buscador_20179478954\/corteconstitucionalcronologico202454587\/t-1734-00\/\" class=\"_self pt-cv-href-thumbnail pt-cv-thumb-default\" target=\"_self\" ><\/a>\n<div class=\"pt-cv-taxoterm above_title\"><a href='https:\/\/www.dmsjuridica.com\/buscador_20179478954\/corteconstitucionalcronologico202454587\/category\/buscar-en-toda-la-corte\/2000\/tutelas-2000\/' title='Tutelas 2000' class='pt-cv-tax-tutelas-2000'>Tutelas 2000<\/a><\/div>\n<h4 class=\"pt-cv-title\"><a href=\"https:\/\/www.dmsjuridica.com\/buscador_20179478954\/corteconstitucionalcronologico202454587\/t-1734-00\/\" class=\"_self\" target=\"_self\" >T-1734-00<\/a><\/h4>\n<div class=\"pt-cv-content\">\u00a0 \u00a0 Sentencia T-1734\/00 \u00a0 DERECHO DE PETICION-Respuesta oportuna y de fondo \u00a0 DERECHO DE PETICION-Pronta resoluci\u00f3n y decisi\u00f3n de fondo \u00a0 Referencia: expediente T-365.250 \u00a0 Acci\u00f3n de tutela contra la Caja Nacional de Previsi\u00f3n Social -CAJANAL- por una presunta violaci\u00f3n del derecho de petici\u00f3n. \u00a0 Tema: \u00a0 El derecho de petici\u00f3n s\u00f3lo se hace efectivo si la respuesta de la autoridad contiene un pronunciamiento sobre el fondo de la solicitud planteada por el petente. \u00a0 Actor: Jos\u00e9 de la Cruz Vergara Garc\u00eda \u00a0 Magistrado Ponente:\u00a0 \u00a0 Dr. CARLOS GAVIRIA D\u00cdAZ \u00a0 Bogot\u00e1 D.C., doce (12) de diciembre del a\u00f1o ...<br \/><div class=\"pt-cv-rmwrap\"><a href=\"https:\/\/www.dmsjuridica.com\/buscador_20179478954\/corteconstitucionalcronologico202454587\/t-1734-00\/\" class=\"_self pt-cv-readmore btn btn-success\" target=\"_self\">Ver Sentencia Completa...<\/a><\/div><\/div><\/div><\/div>\n<div class=\"col-md-12 col-sm-12 col-xs-12 pt-cv-content-item pt-cv-1-col\" ><div class='pt-cv-ifield'><a href=\"https:\/\/www.dmsjuridica.com\/buscador_20179478954\/corteconstitucionalcronologico202454587\/t-1733-00\/\" class=\"_self pt-cv-href-thumbnail pt-cv-thumb-default\" target=\"_self\" ><\/a>\n<div class=\"pt-cv-taxoterm above_title\"><a href='https:\/\/www.dmsjuridica.com\/buscador_20179478954\/corteconstitucionalcronologico202454587\/category\/buscar-en-toda-la-corte\/2000\/tutelas-2000\/' title='Tutelas 2000' class='pt-cv-tax-tutelas-2000'>Tutelas 2000<\/a><\/div>\n<h4 class=\"pt-cv-title\"><a href=\"https:\/\/www.dmsjuridica.com\/buscador_20179478954\/corteconstitucionalcronologico202454587\/t-1733-00\/\" class=\"_self\" target=\"_self\" >T-1733-00<\/a><\/h4>\n<div class=\"pt-cv-content\">\u00a0 \u00a0 Sentencia T-1733\/00 \u00a0 ACCION DE TUTELA-Improcedencia general pago de acreencias laborales \u00a0 Referencia: expediente T-364.045 \u00a0 Acci\u00f3n de tutela contra la Gobernaci\u00f3n de Nari\u00f1o por una presunta violaci\u00f3n de los derechos al sustento m\u00ednimo vital y la seguridad social. \u00a0 Tema: \u00a0 La iliquidez de las entidades territoriales no justifica la omisi\u00f3n del pago de las mesadas pensionales que tienen a cargo. \u00a0 Actora: Martha Yolanda Zamora Espa\u00f1a\u00a0 \u00a0 Magistrado Ponente:\u00a0 \u00a0 Dr. CARLOS GAVIRIA D\u00cdAZ \u00a0 Bogot\u00e1 D.C., doce (12) de diciembre del a\u00f1o dos mil (2000). \u00a0 La Sala Cuarta de Revisi\u00f3n de Tutelas de la ...<br \/><div class=\"pt-cv-rmwrap\"><a href=\"https:\/\/www.dmsjuridica.com\/buscador_20179478954\/corteconstitucionalcronologico202454587\/t-1733-00\/\" class=\"_self pt-cv-readmore btn btn-success\" target=\"_self\">Ver Sentencia Completa...<\/a><\/div><\/div><\/div><\/div>\n<div class=\"col-md-12 col-sm-12 col-xs-12 pt-cv-content-item pt-cv-1-col\" ><div class='pt-cv-ifield'><a href=\"https:\/\/www.dmsjuridica.com\/buscador_20179478954\/corteconstitucionalcronologico202454587\/t-1732-00\/\" class=\"_self pt-cv-href-thumbnail pt-cv-thumb-default\" target=\"_self\" ><\/a>\n<div class=\"pt-cv-taxoterm above_title\"><a href='https:\/\/www.dmsjuridica.com\/buscador_20179478954\/corteconstitucionalcronologico202454587\/category\/buscar-en-toda-la-corte\/2000\/tutelas-2000\/' title='Tutelas 2000' class='pt-cv-tax-tutelas-2000'>Tutelas 2000<\/a><\/div>\n<h4 class=\"pt-cv-title\"><a href=\"https:\/\/www.dmsjuridica.com\/buscador_20179478954\/corteconstitucionalcronologico202454587\/t-1732-00\/\" class=\"_self\" target=\"_self\" >T-1732-00<\/a><\/h4>\n<div class=\"pt-cv-content\">\u00a0 \u00a0 Sentencia T-1732\/00 \u00a0 SENTENCIA DE INCONSTITUCIONALIDAD-Efectos\/PRINCIPIO DE EFECTIVIDAD DE LOS DERECHOS\/AUTORIDAD JUDICIAL-Aplicaci\u00f3n de normas legales de acuerdo con fallos de constitucionalidad adoptados por la Corte \u00a0 Referencia: expediente T-350.396 \u00a0 Acci\u00f3n de tutela contra la Secci\u00f3n Segunda de la Sala de lo Contencioso Administrativo del Consejo de Estado por una presunta violaci\u00f3n del derecho al debido proceso. \u00a0 Tema: \u00a0 No incurre en comportamiento constitutivo de v\u00eda de hecho la autoridad judicial que aplica las normas legales de acuerdo con los fallos de constitucionalidad adoptados por esta Corte. \u00a0 Actor: Fondo de Ahorro y Vivienda Distrital -FAVIDI-. \u00a0 ...<br \/><div class=\"pt-cv-rmwrap\"><a href=\"https:\/\/www.dmsjuridica.com\/buscador_20179478954\/corteconstitucionalcronologico202454587\/t-1732-00\/\" class=\"_self pt-cv-readmore btn btn-success\" target=\"_self\">Ver Sentencia Completa...<\/a><\/div><\/div><\/div><\/div>\n<div class=\"col-md-12 col-sm-12 col-xs-12 pt-cv-content-item pt-cv-1-col\" ><div class='pt-cv-ifield'><a href=\"https:\/\/www.dmsjuridica.com\/buscador_20179478954\/corteconstitucionalcronologico202454587\/t-1731-00\/\" class=\"_self pt-cv-href-thumbnail pt-cv-thumb-default\" target=\"_self\" ><\/a>\n<div class=\"pt-cv-taxoterm above_title\"><a href='https:\/\/www.dmsjuridica.com\/buscador_20179478954\/corteconstitucionalcronologico202454587\/category\/buscar-en-toda-la-corte\/2000\/tutelas-2000\/' title='Tutelas 2000' class='pt-cv-tax-tutelas-2000'>Tutelas 2000<\/a><\/div>\n<h4 class=\"pt-cv-title\"><a href=\"https:\/\/www.dmsjuridica.com\/buscador_20179478954\/corteconstitucionalcronologico202454587\/t-1731-00\/\" class=\"_self\" target=\"_self\" >T-1731-00<\/a><\/h4>\n<div class=\"pt-cv-content\">\u00a0 \u00a0 {p} \u00a0 Expediente T-367880 y acumulados \u00a0 Sentencia T-1731\/00 \u00a0 ACCION DE TUTELA-Naturaleza \u00a0 JUEZ CONSTITUCIONAL-Improcedencia para sustituir a las autoridades en las competencias asignadas por la Constituci\u00f3n Pol\u00edtica \u00a0 GOBIERNO NACIONAL-Formulaci\u00f3n anual del presupuesto y ley de apropiaciones\/JUEZ DE TUTELA-Imposibilidad de modificar presupuesto para incremento salarial de servidores p\u00fablicos \u00a0 Referencia: expedientes T-367880 y otros (Acumulados) \u00a0 Acci\u00f3n de tutela instaurada por Martha Leticia Guzm\u00e1n Mar\u00edn y otros contra la Naci\u00f3n y otros entes territoriales y de servicios. \u00a0 Magistrado Ponente: \u00a0 Dr. FABIO MORON DIAZ\u00a0 \u00a0 Bogot\u00e1, D.C., diciembre doce (12) del dos mil (2000) \u00a0\u00a0 ...<br \/><div class=\"pt-cv-rmwrap\"><a href=\"https:\/\/www.dmsjuridica.com\/buscador_20179478954\/corteconstitucionalcronologico202454587\/t-1731-00\/\" class=\"_self pt-cv-readmore btn btn-success\" target=\"_self\">Ver Sentencia Completa...<\/a><\/div><\/div><\/div><\/div>\n<div class=\"col-md-12 col-sm-12 col-xs-12 pt-cv-content-item pt-cv-1-col\" ><div class='pt-cv-ifield'><a href=\"https:\/\/www.dmsjuridica.com\/buscador_20179478954\/corteconstitucionalcronologico202454587\/t-1730-00\/\" class=\"_self pt-cv-href-thumbnail pt-cv-thumb-default\" target=\"_self\" ><\/a>\n<div class=\"pt-cv-taxoterm above_title\"><a href='https:\/\/www.dmsjuridica.com\/buscador_20179478954\/corteconstitucionalcronologico202454587\/category\/buscar-en-toda-la-corte\/2000\/tutelas-2000\/' title='Tutelas 2000' class='pt-cv-tax-tutelas-2000'>Tutelas 2000<\/a><\/div>\n<h4 class=\"pt-cv-title\"><a href=\"https:\/\/www.dmsjuridica.com\/buscador_20179478954\/corteconstitucionalcronologico202454587\/t-1730-00\/\" class=\"_self\" target=\"_self\" >T-1730-00<\/a><\/h4>\n<div class=\"pt-cv-content\">\u00a0 \u00a0 Sentencia T-1730\/00 \u00a0 DERECHO A LA SEGURIDAD SOCIAL-Fundamental por conexidad \u00a0 DERECHO DE PETICION-N\u00facleo esencial \u00a0 PENSION DE VEJEZ-Protecci\u00f3n constitucional \u00a0 BONOS PENSIONALES-Pronta tramitaci\u00f3n\/BONOS PENSIONALES-Emisi\u00f3n y expedici\u00f3n \u00a0 PENSION DE JUBILACION-No puede negarse reconocimiento si se ha emitido y expedido el bono pensional \u00a0 Referencia: expediente T-366662 \u00a0 Acci\u00f3n de tutela interpuesta por Jose Dario Velasquez Sanchez \u00a0 \u00a0 Magistrado Ponente: \u00a0 Dr. FABIO MORON DIAZ\u00a0 \u00a0 Bogot\u00e1, D.C., \u00a0diciembre doce (12) de dos mil (2000) \u00a0\u00a0 \u00a0 \u00a0 \u00a0 La Sala S\u00e9ptima de Revisi\u00f3n de Tutelas de la Corte Constitucional, integrada por los Magistrados FABIO MORON DIAZ, ...<br \/><div class=\"pt-cv-rmwrap\"><a href=\"https:\/\/www.dmsjuridica.com\/buscador_20179478954\/corteconstitucionalcronologico202454587\/t-1730-00\/\" class=\"_self pt-cv-readmore btn btn-success\" target=\"_self\">Ver Sentencia Completa...<\/a><\/div><\/div><\/div><\/div>\n<div class=\"col-md-12 col-sm-12 col-xs-12 pt-cv-content-item pt-cv-1-col\" ><div class='pt-cv-ifield'><a href=\"https:\/\/www.dmsjuridica.com\/buscador_20179478954\/corteconstitucionalcronologico202454587\/t-173-00\/\" class=\"_self pt-cv-href-thumbnail pt-cv-thumb-default\" target=\"_self\" ><\/a>\n<div class=\"pt-cv-taxoterm above_title\"><a href='https:\/\/www.dmsjuridica.com\/buscador_20179478954\/corteconstitucionalcronologico202454587\/category\/buscar-en-toda-la-corte\/2000\/tutelas-2000\/' title='Tutelas 2000' class='pt-cv-tax-tutelas-2000'>Tutelas 2000<\/a><\/div>\n<h4 class=\"pt-cv-title\"><a href=\"https:\/\/www.dmsjuridica.com\/buscador_20179478954\/corteconstitucionalcronologico202454587\/t-173-00\/\" class=\"_self\" target=\"_self\" >T-173-00<\/a><\/h4>\n<div class=\"pt-cv-content\">\u00a0 \u00a0 Sentencia T-173\/00 \u00a0 ACCION DE TUTELA-Procedencia excepcional pago de acreencias laborales \u00a0 DERECHO AL MINIMO VITAL DEL PENSIONADO-Pago oportuno de mesadas \u00a0 EMPLEADOR-Situaci\u00f3n econ\u00f3mica o presupuestal no es \u00f3bice para desconocer obligaciones laborales \u00a0 Referencia: expediente T-254950 \u00a0 Acci\u00f3n de tutela instaurada por Isalia Lozano contra las Empresas P\u00fablicas Municipales de Buenaventura. \u00a0 Magistrado Ponente: \u00a0 Dr. Jos\u00e9 Gregorio Hern\u00e1ndez Galindo \u00a0 Santa Fe de Bogot\u00e1, D.C., veinticuatro (24) de febrero de dos \u00a0mil (2000). \u00a0 La Sala Quinta de Revisi\u00f3n de la Corte Constitucional, en ejercicio de sus competencias constitucionales y legales, espec\u00edficamente las previstas en los ...<br \/><div class=\"pt-cv-rmwrap\"><a href=\"https:\/\/www.dmsjuridica.com\/buscador_20179478954\/corteconstitucionalcronologico202454587\/t-173-00\/\" class=\"_self pt-cv-readmore btn btn-success\" target=\"_self\">Ver Sentencia Completa...<\/a><\/div><\/div><\/div><\/div>\n<div class=\"col-md-12 col-sm-12 col-xs-12 pt-cv-content-item pt-cv-1-col\" ><div class='pt-cv-ifield'><a href=\"https:\/\/www.dmsjuridica.com\/buscador_20179478954\/corteconstitucionalcronologico202454587\/t-1729-00\/\" class=\"_self pt-cv-href-thumbnail pt-cv-thumb-default\" target=\"_self\" ><\/a>\n<div class=\"pt-cv-taxoterm above_title\"><a href='https:\/\/www.dmsjuridica.com\/buscador_20179478954\/corteconstitucionalcronologico202454587\/category\/buscar-en-toda-la-corte\/2000\/tutelas-2000\/' title='Tutelas 2000' class='pt-cv-tax-tutelas-2000'>Tutelas 2000<\/a><\/div>\n<h4 class=\"pt-cv-title\"><a href=\"https:\/\/www.dmsjuridica.com\/buscador_20179478954\/corteconstitucionalcronologico202454587\/t-1729-00\/\" class=\"_self\" target=\"_self\" >T-1729-00<\/a><\/h4>\n<div class=\"pt-cv-content\">\u00a0 \u00a0 Sentencia T-1729\/00 \u00a0 DERECHOS SOCIALES, ECONOMICOS Y CULTURALES-Conexidad con derechos amparables por tutela\/SUSTITUCION PENSIONAL-Hija huerfana menor de edad\/DERECHO AL MINIMO VITAL DE HIJA HUERFANA MENOR DE EDAD-Mora en el pago de mesadas pensionales \u00a0 Referencia: expediente T-358456 \u00a0 Acci\u00f3n de tutela interpuesta por NIDIA GARCIA GONGORA \u00a0contra \u00a0 \u00a0CAJANAL \u2013SECCIONAL CALI \u00a0 Magistrado Ponente: \u00a0 Dr. FABIO MORON DIAZ\u00a0 \u00a0 Bogot\u00e1, D.C., diciembre doce (12) de dos mil (2000) \u00a0\u00a0 \u00a0 La Sala S\u00e9ptima de Revisi\u00f3n de Tutelas de la Corte Constitucional, integrada por los Magistrados FABIO MORON DIAZ, CRISTINA PARDO SCHLESINGER y ALVARO TAFUR GALVIS, en ejercicio ...<br \/><div class=\"pt-cv-rmwrap\"><a href=\"https:\/\/www.dmsjuridica.com\/buscador_20179478954\/corteconstitucionalcronologico202454587\/t-1729-00\/\" class=\"_self pt-cv-readmore btn btn-success\" target=\"_self\">Ver Sentencia Completa...<\/a><\/div><\/div><\/div><\/div>\n<div class=\"col-md-12 col-sm-12 col-xs-12 pt-cv-content-item pt-cv-1-col\" ><div class='pt-cv-ifield'><a href=\"https:\/\/www.dmsjuridica.com\/buscador_20179478954\/corteconstitucionalcronologico202454587\/t-1728-00\/\" class=\"_self pt-cv-href-thumbnail pt-cv-thumb-default\" target=\"_self\" ><\/a>\n<div class=\"pt-cv-taxoterm above_title\"><a href='https:\/\/www.dmsjuridica.com\/buscador_20179478954\/corteconstitucionalcronologico202454587\/category\/buscar-en-toda-la-corte\/2000\/tutelas-2000\/' title='Tutelas 2000' class='pt-cv-tax-tutelas-2000'>Tutelas 2000<\/a><\/div>\n<h4 class=\"pt-cv-title\"><a href=\"https:\/\/www.dmsjuridica.com\/buscador_20179478954\/corteconstitucionalcronologico202454587\/t-1728-00\/\" class=\"_self\" target=\"_self\" >T-1728-00<\/a><\/h4>\n<div class=\"pt-cv-content\">\u00a0 \u00a0 Sentencia T-1728\/00 \u00a0 ACCION DE TUTELA-Procedencia excepcional pago de acreencias laborales \u00a0 DERECHO AL MINIMO VITAL DEL TRABAJADOR-Pago oportuno de salarios \u00a0 PARTIDA PRESUPUESTAL-Gesti\u00f3n y distribuci\u00f3n para pago oportuno de salarios \u00a0 Referencia: expedientes T-356975, y T-356976 (Acumulados). \u00a0 Acciones de tutela instauradas por Dubis Cecilia Blanquicet Manjarrez Y Dania Clenis Charris Escalante contra el Municipio de Pivijay - Magdalena. \u00a0 Magistrado Ponente: \u00a0 Dr. FABIO MORON DIAZ\u00a0 \u00a0 Bogot\u00e1, D.C., diciembre doce (12) del dos mil (2000) \u00a0\u00a0 \u00a0 \u00a0 \u00a0 SENTENCIA \u00a0 en el proceso de revisi\u00f3n de los fallos adoptados por los Juzgados Primero Promiscuo ...<br \/><div class=\"pt-cv-rmwrap\"><a href=\"https:\/\/www.dmsjuridica.com\/buscador_20179478954\/corteconstitucionalcronologico202454587\/t-1728-00\/\" class=\"_self pt-cv-readmore btn btn-success\" target=\"_self\">Ver Sentencia Completa...<\/a><\/div><\/div><\/div><\/div>\n<div class=\"col-md-12 col-sm-12 col-xs-12 pt-cv-content-item pt-cv-1-col\" ><div class='pt-cv-ifield'><a href=\"https:\/\/www.dmsjuridica.com\/buscador_20179478954\/corteconstitucionalcronologico202454587\/t-1727-00\/\" class=\"_self pt-cv-href-thumbnail pt-cv-thumb-default\" target=\"_self\" ><\/a>\n<div class=\"pt-cv-taxoterm above_title\"><a href='https:\/\/www.dmsjuridica.com\/buscador_20179478954\/corteconstitucionalcronologico202454587\/category\/buscar-en-toda-la-corte\/2000\/tutelas-2000\/' title='Tutelas 2000' class='pt-cv-tax-tutelas-2000'>Tutelas 2000<\/a><\/div>\n<h4 class=\"pt-cv-title\"><a href=\"https:\/\/www.dmsjuridica.com\/buscador_20179478954\/corteconstitucionalcronologico202454587\/t-1727-00\/\" class=\"_self\" target=\"_self\" >T-1727-00<\/a><\/h4>\n<div class=\"pt-cv-content\">\u00a0 \u00a0 Sentencia T-1727\/00 \u00a0 ACCION DE TUTELA-Procedencia excepcional pago de salarios \u00a0 EMPLEADOR-Situaci\u00f3n econ\u00f3mica o presupuestal no es \u00f3bice para desconocer pago de salarios \u00a0 Referencia: expedientes T-356549, T-357094 y T-356627 (acumulados).\u00a0 \u00a0 Acci\u00f3n de tutela de Sofia Del Socorro Roa Mejia, Julio Ernesto Diaz Beltran y Luis Hernando Nieto Montenegro contra la Universidad Del Valle.\u00a0 \u00a0 Magistrado Ponente:\u00a0 \u00a0 Dr. FABIO MORON DIAZ\u00a0 \u00a0 Bogot\u00e1, D.C., diciembre doce (12) del a\u00f1o dos mil (2000). \u00a0 La Sala S\u00e9ptima de Revisi\u00f3n de Tutelas de la Corte Constitucional, integrada por los Magistrados CRISTINA PARDO SCHLESINGER (E), ALVARO TAFUR GALVIS y ...<br \/><div class=\"pt-cv-rmwrap\"><a href=\"https:\/\/www.dmsjuridica.com\/buscador_20179478954\/corteconstitucionalcronologico202454587\/t-1727-00\/\" class=\"_self pt-cv-readmore btn btn-success\" target=\"_self\">Ver Sentencia Completa...<\/a><\/div><\/div><\/div><\/div>\n<div class=\"col-md-12 col-sm-12 col-xs-12 pt-cv-content-item pt-cv-1-col\" ><div class='pt-cv-ifield'><a href=\"https:\/\/www.dmsjuridica.com\/buscador_20179478954\/corteconstitucionalcronologico202454587\/t-1726-00\/\" class=\"_self pt-cv-href-thumbnail pt-cv-thumb-default\" target=\"_self\" ><\/a>\n<div class=\"pt-cv-taxoterm above_title\"><a href='https:\/\/www.dmsjuridica.com\/buscador_20179478954\/corteconstitucionalcronologico202454587\/category\/buscar-en-toda-la-corte\/2000\/tutelas-2000\/' title='Tutelas 2000' class='pt-cv-tax-tutelas-2000'>Tutelas 2000<\/a><\/div>\n<h4 class=\"pt-cv-title\"><a href=\"https:\/\/www.dmsjuridica.com\/buscador_20179478954\/corteconstitucionalcronologico202454587\/t-1726-00\/\" class=\"_self\" target=\"_self\" >T-1726-00<\/a><\/h4>\n<div class=\"pt-cv-content\">ACCION DE TUTELA-Procedencia excepcional para reconocimiento de derechos pensionales \u00a0 MEDIO DE DEFENSA JUDICIAL-Reconocimiento y pago de pensi\u00f3n de sobrevivientes \u00a0 Referencia: expediente T-344237 \u00a0 Acci\u00f3n de tutla de Yolanda Manrique de Parga contra Bancaf\u00e9 \u00a0 Magistrado Ponente: \u00a0 Dr. FABIO MORON DIAZ \u00a0 Bogot\u00e1, D.C. diciembre doce (12) del a\u00f1o dos mil (2000) \u00a0 La Sala S\u00e9ptima de Revisi\u00f3n de Tutelas de la Corte Constitucional, integrada por los Magistrados Cristina Pardo Schlesinger (e), Alvaro Tafur Galvis y Fabio Mor\u00f3n D\u00edaz, en ejercicio de sus competencias constitucionales y legales, ha proferido la siguiente\u00a0 \u00a0 SENTENCIA \u00a0 en el proceso de ...<br \/><div class=\"pt-cv-rmwrap\"><a href=\"https:\/\/www.dmsjuridica.com\/buscador_20179478954\/corteconstitucionalcronologico202454587\/t-1726-00\/\" class=\"_self pt-cv-readmore btn btn-success\" target=\"_self\">Ver Sentencia Completa...<\/a><\/div><\/div><\/div><\/div>\n<div class=\"col-md-12 col-sm-12 col-xs-12 pt-cv-content-item pt-cv-1-col\" ><div class='pt-cv-ifield'><a href=\"https:\/\/www.dmsjuridica.com\/buscador_20179478954\/corteconstitucionalcronologico202454587\/t-1725-00\/\" class=\"_self pt-cv-href-thumbnail pt-cv-thumb-default\" target=\"_self\" ><\/a>\n<div class=\"pt-cv-taxoterm above_title\"><a href='https:\/\/www.dmsjuridica.com\/buscador_20179478954\/corteconstitucionalcronologico202454587\/category\/buscar-en-toda-la-corte\/2000\/tutelas-2000\/' title='Tutelas 2000' class='pt-cv-tax-tutelas-2000'>Tutelas 2000<\/a><\/div>\n<h4 class=\"pt-cv-title\"><a href=\"https:\/\/www.dmsjuridica.com\/buscador_20179478954\/corteconstitucionalcronologico202454587\/t-1725-00\/\" class=\"_self\" target=\"_self\" >T-1725-00<\/a><\/h4>\n<div class=\"pt-cv-content\">\u00a0 \u00a0 Sentencia T-1725\/00 \u00a0 DERECHOS FUNDAMENTALES DE PERSONA JURIDICA-Se\u00f1alamiento de los que resultan aplicables y protecci\u00f3n por tutela \u00a0 DEBIDO PROCESO EN JURISDICCION COACTIVA \u00a0 VIA DE HECHO-Alcance\/VIA DE HECHO-Improcedencia por existencia de mecanismo de defensa judicial \u00a0 ACCION DE TUTELA-No sustituye mecanismos de defensa judicial\/JURISDICCION CONTENCIOSO ADMINISTRATIVA-Controversias econ\u00f3micas\/AERONAUTICA CIVIL-Controversias econ\u00f3micas \u00a0 ACCION DE TUTELA-Improcedencia sobre controversias puramente econ\u00f3micas \u00a0 Reiteraci\u00f3n de Jurisprudencia \u00a0 Rerencia: expedientes T-341662 \u00a0 Acci\u00f3n de Tutela instaurada por la U.A.E. AERONAUTICA CIVIL- aeropuerto Jos\u00e9 Mar\u00eda C\u00f3rdoba contra el Municipio de Rionegro- Oficina de Ejecuciones Fiscales. \u00a0 Magistrado Ponente: \u00a0 Dr. FABIO MORON DIAZ\u00a0 \u00a0 ...<br \/><div class=\"pt-cv-rmwrap\"><a href=\"https:\/\/www.dmsjuridica.com\/buscador_20179478954\/corteconstitucionalcronologico202454587\/t-1725-00\/\" class=\"_self pt-cv-readmore btn btn-success\" target=\"_self\">Ver Sentencia Completa...<\/a><\/div><\/div><\/div><\/div>\n<div class=\"col-md-12 col-sm-12 col-xs-12 pt-cv-content-item pt-cv-1-col\" ><div class='pt-cv-ifield'><a href=\"https:\/\/www.dmsjuridica.com\/buscador_20179478954\/corteconstitucionalcronologico202454587\/t-1724-00\/\" class=\"_self pt-cv-href-thumbnail pt-cv-thumb-default\" target=\"_self\" ><\/a>\n<div class=\"pt-cv-taxoterm above_title\"><a href='https:\/\/www.dmsjuridica.com\/buscador_20179478954\/corteconstitucionalcronologico202454587\/category\/buscar-en-toda-la-corte\/2000\/tutelas-2000\/' title='Tutelas 2000' class='pt-cv-tax-tutelas-2000'>Tutelas 2000<\/a><\/div>\n<h4 class=\"pt-cv-title\"><a href=\"https:\/\/www.dmsjuridica.com\/buscador_20179478954\/corteconstitucionalcronologico202454587\/t-1724-00\/\" class=\"_self\" target=\"_self\" >T-1724-00<\/a><\/h4>\n<div class=\"pt-cv-content\">ACCION DE TUTELA-Hecho superado \u00a0 Referencia: expediente T-338415 \u00a0 Acci\u00f3n de tutela interpuesta por Diana Lucia Neira Manrique y William Yesid Casta\u00f1eda contra E.P.S. UNIMEC S.A. \u00a0 Magistrado Ponente: \u00a0 Dr. FABIO MORON DIAZ \u00a0 Bogot\u00e1, D.C., diciembre doce (12) de dos mil (2000) \u00a0 La sala S\u00e9ptima de Revisi\u00f3n de Tutelas de la Corte Constitucional, integrada por los Magistrados FABIO MORON DIAZ, CRISTINA PARDO SCHLESINGER Y ALVARO TAFOR GALVIS, en ejercicio de sus competencias constitucionales y legales, ha proferido la siguiente\u00a0 \u00a0 \u00a0 \u00a0 \u00a0 \u00a0SENTENCIA \u00a0 En el proceso de revisi\u00f3n de los fallos adoptados por el Tribunal ...<br \/><div class=\"pt-cv-rmwrap\"><a href=\"https:\/\/www.dmsjuridica.com\/buscador_20179478954\/corteconstitucionalcronologico202454587\/t-1724-00\/\" class=\"_self pt-cv-readmore btn btn-success\" target=\"_self\">Ver Sentencia Completa...<\/a><\/div><\/div><\/div><\/div>\n<div class=\"col-md-12 col-sm-12 col-xs-12 pt-cv-content-item pt-cv-1-col\" ><div class='pt-cv-ifield'><a href=\"https:\/\/www.dmsjuridica.com\/buscador_20179478954\/corteconstitucionalcronologico202454587\/t-172-00\/\" class=\"_self pt-cv-href-thumbnail pt-cv-thumb-default\" target=\"_self\" ><\/a>\n<div class=\"pt-cv-taxoterm above_title\"><a href='https:\/\/www.dmsjuridica.com\/buscador_20179478954\/corteconstitucionalcronologico202454587\/category\/buscar-en-toda-la-corte\/2000\/tutelas-2000\/' title='Tutelas 2000' class='pt-cv-tax-tutelas-2000'>Tutelas 2000<\/a><\/div>\n<h4 class=\"pt-cv-title\"><a href=\"https:\/\/www.dmsjuridica.com\/buscador_20179478954\/corteconstitucionalcronologico202454587\/t-172-00\/\" class=\"_self\" target=\"_self\" >T-172-00<\/a><\/h4>\n<div class=\"pt-cv-content\">\u00a0 \u00a0 Sentencia T-172\/00 \u00a0 SENTENCIA DE REVISION DE TUTELA-Breve justificaci\u00f3n \u00a0 REGLAMENTO EDUCATIVO-Beca escolar \u00a0 REGLAMENTO EDUCATIVO-Est\u00edmulos escolares consistente en exoneraci\u00f3n de pago de derechos acad\u00e9micos no es fundamental \u00a0 Acci\u00f3n de tutela contra Colegio Departamental de Bachillerato Mixto \"Carmen de Quintana\" de Cajib\u00edo (Cauca) por una presunta violaci\u00f3n de los derechos de los ni\u00f1os y el debido proceso. \u00a0 Tema: \u00a0 Debido proceso en la adjudicaci\u00f3n de una beca escolar. \u00a0 Actor: \u00a0Omar Giraldo Valencia \u00a0 Magistrado Ponente:\u00a0 \u00a0 Dr. CARLOS GAVIRIA D\u00cdAZ \u00a0 Santaf\u00e9 de Bogot\u00e1 D.C., veinticuatro (24) de febrero del a\u00f1o dos mil (2000). \u00a0 ...<br \/><div class=\"pt-cv-rmwrap\"><a href=\"https:\/\/www.dmsjuridica.com\/buscador_20179478954\/corteconstitucionalcronologico202454587\/t-172-00\/\" class=\"_self pt-cv-readmore btn btn-success\" target=\"_self\">Ver Sentencia Completa...<\/a><\/div><\/div><\/div><\/div>\n<div class=\"col-md-12 col-sm-12 col-xs-12 pt-cv-content-item pt-cv-1-col\" ><div class='pt-cv-ifield'><a href=\"https:\/\/www.dmsjuridica.com\/buscador_20179478954\/corteconstitucionalcronologico202454587\/t-171-00\/\" class=\"_self pt-cv-href-thumbnail pt-cv-thumb-default\" target=\"_self\" ><\/a>\n<div class=\"pt-cv-taxoterm above_title\"><a href='https:\/\/www.dmsjuridica.com\/buscador_20179478954\/corteconstitucionalcronologico202454587\/category\/buscar-en-toda-la-corte\/2000\/tutelas-2000\/' title='Tutelas 2000' class='pt-cv-tax-tutelas-2000'>Tutelas 2000<\/a><\/div>\n<h4 class=\"pt-cv-title\"><a href=\"https:\/\/www.dmsjuridica.com\/buscador_20179478954\/corteconstitucionalcronologico202454587\/t-171-00\/\" class=\"_self\" target=\"_self\" >T-171-00<\/a><\/h4>\n<div class=\"pt-cv-content\">\u00a0 \u00a0 Sentencia T-171\/00 \u00a0 ACCION DE TUTELA CONTRA PROVIDENCIAS JUDICIALES-Procedencia excepcional \u00a0 FUNCION PUNITIVA-Eficiencia del Estado no puede construirse sobre el sacrificio de derechos de personas\/DEBIDO PROCESO-Eficiencia punitiva del Estado no puede construirse sobre el sacrificio de derechos de personas\/DERECHO DE DEFENSA TECNICA-Eficiencia punitiva del Estado no puede construirse sobre el sacrificio de derecho de personas \u00a0 El homicidio de cualquier persona, no debe quedar impune, y que la eficiencia del Estado en el cumplimiento de la funci\u00f3n punitiva que debe llevar a ese resultado, es imperativo legitimador del monopolio estatal del ejercicio de la fuerza -y por ende, ...<br \/><div class=\"pt-cv-rmwrap\"><a href=\"https:\/\/www.dmsjuridica.com\/buscador_20179478954\/corteconstitucionalcronologico202454587\/t-171-00\/\" class=\"_self pt-cv-readmore btn btn-success\" target=\"_self\">Ver Sentencia Completa...<\/a><\/div><\/div><\/div><\/div>\n<div class=\"col-md-12 col-sm-12 col-xs-12 pt-cv-content-item pt-cv-1-col\" ><div class='pt-cv-ifield'><a href=\"https:\/\/www.dmsjuridica.com\/buscador_20179478954\/corteconstitucionalcronologico202454587\/t-1705-00\/\" class=\"_self pt-cv-href-thumbnail pt-cv-thumb-default\" target=\"_self\" ><\/a>\n<div class=\"pt-cv-taxoterm above_title\"><a href='https:\/\/www.dmsjuridica.com\/buscador_20179478954\/corteconstitucionalcronologico202454587\/category\/buscar-en-toda-la-corte\/2000\/tutelas-2000\/' title='Tutelas 2000' class='pt-cv-tax-tutelas-2000'>Tutelas 2000<\/a><\/div>\n<h4 class=\"pt-cv-title\"><a href=\"https:\/\/www.dmsjuridica.com\/buscador_20179478954\/corteconstitucionalcronologico202454587\/t-1705-00\/\" class=\"_self\" target=\"_self\" >T-1705-00<\/a><\/h4>\n<div class=\"pt-cv-content\">\u00a0 \u00a0 Sentencia T-1705\/00 \u00a0 JUEZ DE TUTELA-Incompetencia para ordenar libertad de condenado \u00a0 HABEAS CORPUS-Dilaci\u00f3n injustificada para resolver petici\u00f3n de libertad provisional \u00a0 Acci\u00f3n de tutela instaurada por Olasky Gamarra Salina contra la Fiscal\u00eda Tercera Especializada ante los Jueces Penales del Circuito de Barranquilla. \u00a0 Magistrado Ponente: \u00a0 Dr. JAIRO CHARRY RIVAS \u00a0 Bogot\u00e1, D.C. once (11) de diciembre de dos mil (2000). \u00a0 La Sala Primera de Revisi\u00f3n de la Corte Constitucional, integrada por los Magistrados Jairo Charry Rivas (E), Alfredo Beltr\u00e1n Sierra y Martha S\u00e1chica de Moncaleano (E), en ejercicio de sus competencias constitucionales y legales ha ...<br \/><div class=\"pt-cv-rmwrap\"><a href=\"https:\/\/www.dmsjuridica.com\/buscador_20179478954\/corteconstitucionalcronologico202454587\/t-1705-00\/\" class=\"_self pt-cv-readmore btn btn-success\" target=\"_self\">Ver Sentencia Completa...<\/a><\/div><\/div><\/div><\/div>\n<div class=\"col-md-12 col-sm-12 col-xs-12 pt-cv-content-item pt-cv-1-col\" ><div class='pt-cv-ifield'><a href=\"https:\/\/www.dmsjuridica.com\/buscador_20179478954\/corteconstitucionalcronologico202454587\/t-1704-00\/\" class=\"_self pt-cv-href-thumbnail pt-cv-thumb-default\" target=\"_self\" ><\/a>\n<div class=\"pt-cv-taxoterm above_title\"><a href='https:\/\/www.dmsjuridica.com\/buscador_20179478954\/corteconstitucionalcronologico202454587\/category\/buscar-en-toda-la-corte\/2000\/tutelas-2000\/' title='Tutelas 2000' class='pt-cv-tax-tutelas-2000'>Tutelas 2000<\/a><\/div>\n<h4 class=\"pt-cv-title\"><a href=\"https:\/\/www.dmsjuridica.com\/buscador_20179478954\/corteconstitucionalcronologico202454587\/t-1704-00\/\" class=\"_self\" target=\"_self\" >T-1704-00<\/a><\/h4>\n<div class=\"pt-cv-content\">\u00a0 \u00a0 Sentencia T-1704\/00 \u00a0 \u00a0 \u00a0 CONTRATO DE EDUCACION PRIVADA-Obligaciones rec\u00edprocas \/EDUCACION PRIVADA-Retribuci\u00f3n econ\u00f3mica como equivalencia \u00a0a la prestaci\u00f3n del servicio \u00a0 DERECHO A LA EDUCACION-Retenci\u00f3n certificado de estudios por no pago de pensi\u00f3n\/DERECHO A LA EDUCACION-Modulaci\u00f3n de la orden de no retenci\u00f3n de notas \u00a0 Referencia: expediente T- 366922 y \u00a0 \u00a0 \u00a0 \u00a0 \u00a0T-366257 \u00a0 \u00a0 \u00a0 Accionantes: Edwin Quintero Alfonso y Adriana Mar\u00eda Puentes Ballesteros \u00a0 abuso del derecho \u00a0 Magistrado Ponente: \u00a0 Dr. ALEJANDRO MARTINEZ CABALLERO \u00a0 Santa Fe de Bogot\u00e1, D.C., siete (7) de diciembre de dos mil (2000). \u00a0 La Sala Sexta de ...<br \/><div class=\"pt-cv-rmwrap\"><a href=\"https:\/\/www.dmsjuridica.com\/buscador_20179478954\/corteconstitucionalcronologico202454587\/t-1704-00\/\" class=\"_self pt-cv-readmore btn btn-success\" target=\"_self\">Ver Sentencia Completa...<\/a><\/div><\/div><\/div><\/div>\n<div class=\"col-md-12 col-sm-12 col-xs-12 pt-cv-content-item pt-cv-1-col\" ><div class='pt-cv-ifield'><a href=\"https:\/\/www.dmsjuridica.com\/buscador_20179478954\/corteconstitucionalcronologico202454587\/t-1703-00\/\" class=\"_self pt-cv-href-thumbnail pt-cv-thumb-default\" target=\"_self\" ><\/a>\n<div class=\"pt-cv-taxoterm above_title\"><a href='https:\/\/www.dmsjuridica.com\/buscador_20179478954\/corteconstitucionalcronologico202454587\/category\/buscar-en-toda-la-corte\/2000\/tutelas-2000\/' title='Tutelas 2000' class='pt-cv-tax-tutelas-2000'>Tutelas 2000<\/a><\/div>\n<h4 class=\"pt-cv-title\"><a href=\"https:\/\/www.dmsjuridica.com\/buscador_20179478954\/corteconstitucionalcronologico202454587\/t-1703-00\/\" class=\"_self\" target=\"_self\" >T-1703-00<\/a><\/h4>\n<div class=\"pt-cv-content\">\u00a0 \u00a0 Sentencia T-1703\/00 \u00a0 ACCION DE TUTELA-Procedencia excepcional pago de acreencias laborales \u00a0 DERECHO AL PAGO OPORTUNO DEL SALARIO-Fundamental \u00a0 DERECHO AL MINIMO VITAL DEL TRABAJADOR-Pago oportuno de salarios\u00a0 \u00a0 Referencia: expediente T-360261 \u00a0 Accionante: David Rafael Mercado Avila \u00a0 Procedencia: Juzgado Primero Promiscuo Municipal de Tierralta \u00a0 Magistrado Ponente: \u00a0 Dr. ALEJANDRO MARTINEZ CABALLERO \u00a0 Bogot\u00e1, D.C., siete (7) de Diciembre de dos mil (2000).\u00a0 \u00a0 La Sala Sexta de Revisi\u00f3n de la Corte Constitucional, integrada por los Magistrados doctores Fabio Mor\u00f3n D\u00edaz, Cristina Pardo Schlesinger y Alejandro Mart\u00ednez Caballero, quien la preside, en ejercicio de sus competencias ...<br \/><div class=\"pt-cv-rmwrap\"><a href=\"https:\/\/www.dmsjuridica.com\/buscador_20179478954\/corteconstitucionalcronologico202454587\/t-1703-00\/\" class=\"_self pt-cv-readmore btn btn-success\" target=\"_self\">Ver Sentencia Completa...<\/a><\/div><\/div><\/div><\/div>\n<div class=\"col-md-12 col-sm-12 col-xs-12 pt-cv-content-item pt-cv-1-col\" ><div class='pt-cv-ifield'><a href=\"https:\/\/www.dmsjuridica.com\/buscador_20179478954\/corteconstitucionalcronologico202454587\/t-1702-00\/\" class=\"_self pt-cv-href-thumbnail pt-cv-thumb-default\" target=\"_self\" ><\/a>\n<div class=\"pt-cv-taxoterm above_title\"><a href='https:\/\/www.dmsjuridica.com\/buscador_20179478954\/corteconstitucionalcronologico202454587\/category\/buscar-en-toda-la-corte\/2000\/tutelas-2000\/' title='Tutelas 2000' class='pt-cv-tax-tutelas-2000'>Tutelas 2000<\/a><\/div>\n<h4 class=\"pt-cv-title\"><a href=\"https:\/\/www.dmsjuridica.com\/buscador_20179478954\/corteconstitucionalcronologico202454587\/t-1702-00\/\" class=\"_self\" target=\"_self\" >T-1702-00<\/a><\/h4>\n<div class=\"pt-cv-content\">\u00a0 \u00a0 Sentencia T-1702\/00 \u00a0 ACTO ADMINISTRATIVO-Naturaleza \u00a0 Uno de los prop\u00f3sitos de la denominaci\u00f3n de un acto es establecer las normas aplicables al mismo. Se puede intentar evadir garant\u00edas constitucionales y legales con el cambio nominativo de los actos administrativos. Sin embargo, es deber del funcionario judicial el escudri\u00f1ar la intenci\u00f3n del funcionario que expidi\u00f3 la actuaci\u00f3n y develar la verdadera naturaleza del acto para proceder a hacer efectivas, mediante sus pronunciamientos, las respectivas garant\u00edas. En el caso de los actos administrativos de efectos particulares y concretos, el ordenamiento jur\u00eddico estableci\u00f3 una serie de garant\u00edas para los sujetos a ...<br \/><div class=\"pt-cv-rmwrap\"><a href=\"https:\/\/www.dmsjuridica.com\/buscador_20179478954\/corteconstitucionalcronologico202454587\/t-1702-00\/\" class=\"_self pt-cv-readmore btn btn-success\" target=\"_self\">Ver Sentencia Completa...<\/a><\/div><\/div><\/div><\/div>\n<div class=\"col-md-12 col-sm-12 col-xs-12 pt-cv-content-item pt-cv-1-col\" ><div class='pt-cv-ifield'><a href=\"https:\/\/www.dmsjuridica.com\/buscador_20179478954\/corteconstitucionalcronologico202454587\/t-1701-00\/\" class=\"_self pt-cv-href-thumbnail pt-cv-thumb-default\" target=\"_self\" ><\/a>\n<div class=\"pt-cv-taxoterm above_title\"><a href='https:\/\/www.dmsjuridica.com\/buscador_20179478954\/corteconstitucionalcronologico202454587\/category\/buscar-en-toda-la-corte\/2000\/tutelas-2000\/' title='Tutelas 2000' class='pt-cv-tax-tutelas-2000'>Tutelas 2000<\/a><\/div>\n<h4 class=\"pt-cv-title\"><a href=\"https:\/\/www.dmsjuridica.com\/buscador_20179478954\/corteconstitucionalcronologico202454587\/t-1701-00\/\" class=\"_self\" target=\"_self\" >T-1701-00<\/a><\/h4>\n<div class=\"pt-cv-content\">\u00a0 \u00a0 Sentencia T-1701\/00 \u00a0 DERECHO A LA EDUCACION ESPECIAL-Fundamental\/EDUCACION ESPECIAL-Funci\u00f3n social \u00a0 EDUCACION REGULAR-Formaci\u00f3n de menores con capacidades especiales \u00a0 SISTEMA DE CARRERA ADMINISTRATIVA-M\u00e9rito como elemento esencial \u00a0 CARRERA ADMINISTRATIVA EN EL ESTADO SOCIAL DE DERECHO-Eficiencia y eficacia de la gesti\u00f3n \u00a0p\u00fablica\/FUNCION PUBLICA-Eficiencia y eficacia \u00a0 CARRERA JUDICIAL-Nombramiento de quien obtuvo el primer puesto \u00a0 \u00a0 \u00a0 Acci\u00f3n de tutela instaurada por Luisa Mariana Sandoval Mesa vs. Consejo Superior de la Judicatura y Consejo de Estado \u00a0 Procedencia: Sala de Familia del Tribunal Superior de Bogot\u00e1 \u00a0 Magistrado Ponente: \u00a0 Dr. ALEJANDRO MARTINEZ CABALLERO \u00a0 Santa Fe de Bogot\u00e1, ...<br \/><div class=\"pt-cv-rmwrap\"><a href=\"https:\/\/www.dmsjuridica.com\/buscador_20179478954\/corteconstitucionalcronologico202454587\/t-1701-00\/\" class=\"_self pt-cv-readmore btn btn-success\" target=\"_self\">Ver Sentencia Completa...<\/a><\/div><\/div><\/div><\/div>\n<div class=\"col-md-12 col-sm-12 col-xs-12 pt-cv-content-item pt-cv-1-col\" ><div class='pt-cv-ifield'><a href=\"https:\/\/www.dmsjuridica.com\/buscador_20179478954\/corteconstitucionalcronologico202454587\/t-1700-00\/\" class=\"_self pt-cv-href-thumbnail pt-cv-thumb-default\" target=\"_self\" ><\/a>\n<div class=\"pt-cv-taxoterm above_title\"><a href='https:\/\/www.dmsjuridica.com\/buscador_20179478954\/corteconstitucionalcronologico202454587\/category\/buscar-en-toda-la-corte\/2000\/tutelas-2000\/' title='Tutelas 2000' class='pt-cv-tax-tutelas-2000'>Tutelas 2000<\/a><\/div>\n<h4 class=\"pt-cv-title\"><a href=\"https:\/\/www.dmsjuridica.com\/buscador_20179478954\/corteconstitucionalcronologico202454587\/t-1700-00\/\" class=\"_self\" target=\"_self\" >T-1700-00<\/a><\/h4>\n<div class=\"pt-cv-content\">\u00a0 \u00a0 Sentencia T-1700\/00 \u00a0 DERECHO A LA SALUD-Fundamental por conexidad \u00a0 ACCION DE TUTELA-Protecci\u00f3n preventiva y no solo en casos de gravedad \u00a0 VIDA DIGNA-Necesidad de cirug\u00eda del oido que no tiene fines est\u00e9ticos \u00a0 Referencia: expediente T-379117 \u00a0 Acci\u00f3n de tutela instaurada por Doris Camargo Mendriz contra el Seguro Social - Seccional Magdalena -. \u00a0 Magistrada Ponente (E):\u00a0 \u00a0 Dra. MARTHA VICTORIA S\u00c1CHICA M\u00c9NDEZ \u00a0 Bogot\u00e1, D.C., diciembre siete (7) de dos mil (2000) \u00a0 La Sala Tercera de Revisi\u00f3n de la Corte Constitucional, integrada por los magistrados, Martha V. S\u00e1chica M\u00e9ndez, Carlos Gaviria D\u00edaz y Jos\u00e9 Gregorio ...<br \/><div class=\"pt-cv-rmwrap\"><a href=\"https:\/\/www.dmsjuridica.com\/buscador_20179478954\/corteconstitucionalcronologico202454587\/t-1700-00\/\" class=\"_self pt-cv-readmore btn btn-success\" target=\"_self\">Ver Sentencia Completa...<\/a><\/div><\/div><\/div><\/div>\n<div class=\"col-md-12 col-sm-12 col-xs-12 pt-cv-content-item pt-cv-1-col\" ><div class='pt-cv-ifield'><a href=\"https:\/\/www.dmsjuridica.com\/buscador_20179478954\/corteconstitucionalcronologico202454587\/t-170-00\/\" class=\"_self pt-cv-href-thumbnail pt-cv-thumb-default\" target=\"_self\" ><\/a>\n<div class=\"pt-cv-taxoterm above_title\"><a href='https:\/\/www.dmsjuridica.com\/buscador_20179478954\/corteconstitucionalcronologico202454587\/category\/buscar-en-toda-la-corte\/2000\/tutelas-2000\/' title='Tutelas 2000' class='pt-cv-tax-tutelas-2000'>Tutelas 2000<\/a><\/div>\n<h4 class=\"pt-cv-title\"><a href=\"https:\/\/www.dmsjuridica.com\/buscador_20179478954\/corteconstitucionalcronologico202454587\/t-170-00\/\" class=\"_self\" target=\"_self\" >T-170-00<\/a><\/h4>\n<div class=\"pt-cv-content\">\u00a0 \u00a0 Sentencia T-170\/00 \u00a0 SEGURO SOCIAL-Competencia sobre reconocimiento de pensiones legales \u00a0 ACCION DE TUTELA-Improcedencia respecto a expectativa sobre derecho pensional \u00a0 DERECHO DE PETICION-N\u00facleo esencial \u00a0 Existe vulneraci\u00f3n del n\u00facleo esencial del derecho de petici\u00f3n, cuando la entidad correspondiente no emite una respuesta en un lapso que, en los t\u00e9rminos de la Constituci\u00f3n, se ajuste a la noci\u00f3n de \u201cpronta resoluci\u00f3n\u201d, o, cuando la supuesta respuesta \u00a0se limita a evadir la petici\u00f3n planteada, al no dar una soluci\u00f3n de fondo al asunto sometido a su consideraci\u00f3n.\u00a0 \u00a0 LIBERTAD DE CONFIGURACION LEGISLATIVA-T\u00e9rmino en que habr\u00e1n de resolverse las peticiones ...<br \/><div class=\"pt-cv-rmwrap\"><a href=\"https:\/\/www.dmsjuridica.com\/buscador_20179478954\/corteconstitucionalcronologico202454587\/t-170-00\/\" class=\"_self pt-cv-readmore btn btn-success\" target=\"_self\">Ver Sentencia Completa...<\/a><\/div><\/div><\/div><\/div>\n<div class=\"col-md-12 col-sm-12 col-xs-12 pt-cv-content-item pt-cv-1-col\" ><div class='pt-cv-ifield'><a href=\"https:\/\/www.dmsjuridica.com\/buscador_20179478954\/corteconstitucionalcronologico202454587\/t-1699-00\/\" class=\"_self pt-cv-href-thumbnail pt-cv-thumb-default\" target=\"_self\" ><\/a>\n<div class=\"pt-cv-taxoterm above_title\"><a href='https:\/\/www.dmsjuridica.com\/buscador_20179478954\/corteconstitucionalcronologico202454587\/category\/buscar-en-toda-la-corte\/2000\/tutelas-2000\/' title='Tutelas 2000' class='pt-cv-tax-tutelas-2000'>Tutelas 2000<\/a><\/div>\n<h4 class=\"pt-cv-title\"><a href=\"https:\/\/www.dmsjuridica.com\/buscador_20179478954\/corteconstitucionalcronologico202454587\/t-1699-00\/\" class=\"_self\" target=\"_self\" >T-1699-00<\/a><\/h4>\n<div class=\"pt-cv-content\">\u00a0 \u00a0 Sentencia T-1699\/00\u00a0 \u00a0 SECUESTRO-Pago de salarios previa existencia de plena prueba\/DESAPARICION-Improcedencia pago de salarios \u00a0 SUSTITUCION PENSIONAL POR DESAPARECIMIENTO-Improcedencia de declaraci\u00f3n por juez de tutela\/PRESUNCION DE MUERTE POR DESAPARECIMIENTO-Improcedencia de declaraci\u00f3n por juez de tutela \u00a0 Referencia: expediente T-368539 \u00a0 Acci\u00f3n de tutela instaurada por Myriam Arboleda de Valencia contra el Batall\u00f3n de Infanter\u00eda No. 23\u00a0 \u00a0 Magistrada Ponente (E): \u00a0 Dra. MARTHA VICTORIA S\u00c1CHICA M\u00c9NDEZ \u00a0 Bogot\u00e1, D.C., diciembre siete (7) de dos mil (2000) \u00a0 1. Antecedentes \u00a0 El 9 de junio de 2000, la se\u00f1ora Myriam Arboleda de Valencia, mediante apoderado judicial, instaur\u00f3 acci\u00f3n de ...<br \/><div class=\"pt-cv-rmwrap\"><a href=\"https:\/\/www.dmsjuridica.com\/buscador_20179478954\/corteconstitucionalcronologico202454587\/t-1699-00\/\" class=\"_self pt-cv-readmore btn btn-success\" target=\"_self\">Ver Sentencia Completa...<\/a><\/div><\/div><\/div><\/div>\n<div class=\"col-md-12 col-sm-12 col-xs-12 pt-cv-content-item pt-cv-1-col\" ><div class='pt-cv-ifield'><a href=\"https:\/\/www.dmsjuridica.com\/buscador_20179478954\/corteconstitucionalcronologico202454587\/t-1698-00\/\" class=\"_self pt-cv-href-thumbnail pt-cv-thumb-default\" target=\"_self\" ><\/a>\n<div class=\"pt-cv-taxoterm above_title\"><a href='https:\/\/www.dmsjuridica.com\/buscador_20179478954\/corteconstitucionalcronologico202454587\/category\/buscar-en-toda-la-corte\/2000\/tutelas-2000\/' title='Tutelas 2000' class='pt-cv-tax-tutelas-2000'>Tutelas 2000<\/a><\/div>\n<h4 class=\"pt-cv-title\"><a href=\"https:\/\/www.dmsjuridica.com\/buscador_20179478954\/corteconstitucionalcronologico202454587\/t-1698-00\/\" class=\"_self\" target=\"_self\" >T-1698-00<\/a><\/h4>\n<div class=\"pt-cv-content\">\u00a0 \u00a0 Sentencia T-1698\/00 \u00a0 ACCION DE TUTELA-Subsidiariedad \u00a0 MEDIO DE DEFENSA JUDICIAL EFICAZ-Improcedencia de tutela \u00a0 ACCION DE TUTELA-Improcedencia por no ejercicio oportuno de mecanismo de defensa judicial\/TRABAJADOR DISCAPACITADO-No reclam\u00f3 trato especial al momento de notificaci\u00f3n de supresi\u00f3n del cargo \u00a0 PENSION DE INVALIDEZ POR RIESGO COMUN-Solicitud de reconocimiento \u00a0 Entiende la Sala la angustia del actor al verse desempleado. Por ello, considera la Sala que, para efectos de solucionar las dificultades econ\u00f3micas que le pueda generar al peticionario la falta de empleo, \u00e9ste tendr\u00eda la alternativa para solicitar al fondo de pensiones al que se encuentre afiliado, una ...<br \/><div class=\"pt-cv-rmwrap\"><a href=\"https:\/\/www.dmsjuridica.com\/buscador_20179478954\/corteconstitucionalcronologico202454587\/t-1698-00\/\" class=\"_self pt-cv-readmore btn btn-success\" target=\"_self\">Ver Sentencia Completa...<\/a><\/div><\/div><\/div><\/div>\n<div class=\"col-md-12 col-sm-12 col-xs-12 pt-cv-content-item pt-cv-1-col\" ><div class='pt-cv-ifield'><a href=\"https:\/\/www.dmsjuridica.com\/buscador_20179478954\/corteconstitucionalcronologico202454587\/t-1697-00\/\" class=\"_self pt-cv-href-thumbnail pt-cv-thumb-default\" target=\"_self\" ><\/a>\n<div class=\"pt-cv-taxoterm above_title\"><a href='https:\/\/www.dmsjuridica.com\/buscador_20179478954\/corteconstitucionalcronologico202454587\/category\/buscar-en-toda-la-corte\/2000\/tutelas-2000\/' title='Tutelas 2000' class='pt-cv-tax-tutelas-2000'>Tutelas 2000<\/a><\/div>\n<h4 class=\"pt-cv-title\"><a href=\"https:\/\/www.dmsjuridica.com\/buscador_20179478954\/corteconstitucionalcronologico202454587\/t-1697-00\/\" class=\"_self\" target=\"_self\" >T-1697-00<\/a><\/h4>\n<div class=\"pt-cv-content\">\u00a0 \u00a0 Sentencia T-1697\/00 \u00a0 ACCION DE TUTELA-Procedencia excepcional para resolver discrepancias en ejecuci\u00f3n de contrato de medicina prepagada \u00a0 ENTIDAD DE MEDICINA PREPAGADA-Preexistencias y enfermedades cong\u00e9nitas \u00a0 CONTRATO DE MEDICINA PREPAGADA-Exclusi\u00f3n de preexistencias previa, expresa y taxativamente \u00a0 ENTIDAD DE MEDICINA PREPAGADA-Cirug\u00eda de angioma cavernoso cerebral \u00a0 DERECHO A LA SALUD DEL NI\u00d1O-Fundamental \u00a0 Referencia: expediente T-366916 \u00a0 Acci\u00f3n de tutela instaurada por Olga Teresa Guevara de Mart\u00ednez contra CAFESALUD Medicina Prepagada S.A. \u00a0 Magistrada Ponente (E): \u00a0 Dra. MARTHA VICTORIA S\u00c1CHICA M\u00c9NDEZ \u00a0 I. ANTECEDENTES \u00a0 El 28 de mayo de 2000, la se\u00f1ora Olga Teresa Guevara de ...<br \/><div class=\"pt-cv-rmwrap\"><a href=\"https:\/\/www.dmsjuridica.com\/buscador_20179478954\/corteconstitucionalcronologico202454587\/t-1697-00\/\" class=\"_self pt-cv-readmore btn btn-success\" target=\"_self\">Ver Sentencia Completa...<\/a><\/div><\/div><\/div><\/div>\n<div class=\"col-md-12 col-sm-12 col-xs-12 pt-cv-content-item pt-cv-1-col\" ><div class='pt-cv-ifield'><a href=\"https:\/\/www.dmsjuridica.com\/buscador_20179478954\/corteconstitucionalcronologico202454587\/t-1696-00\/\" class=\"_self pt-cv-href-thumbnail pt-cv-thumb-default\" target=\"_self\" ><\/a>\n<div class=\"pt-cv-taxoterm above_title\"><a href='https:\/\/www.dmsjuridica.com\/buscador_20179478954\/corteconstitucionalcronologico202454587\/category\/buscar-en-toda-la-corte\/2000\/tutelas-2000\/' title='Tutelas 2000' class='pt-cv-tax-tutelas-2000'>Tutelas 2000<\/a><\/div>\n<h4 class=\"pt-cv-title\"><a href=\"https:\/\/www.dmsjuridica.com\/buscador_20179478954\/corteconstitucionalcronologico202454587\/t-1696-00\/\" class=\"_self\" target=\"_self\" >T-1696-00<\/a><\/h4>\n<div class=\"pt-cv-content\">\u00a0 \u00a0 Sentencia T-1696\/00 \u00a0 DERECHO A LA ESTABILIDAD LABORAL REFORZADA DE MUJER EMBARAZADA-Protecci\u00f3n \u00a0 LICENCIA DE MATERNIDAD-Objeto \u00a0 LICENCIA DE MATERNIDAD-Procedencia excepcional de tutela para el pago \u00a0 LICENCIA DE MATERNIDAD-Pago del dinero es de vital importancia \u00a0 Referencia: expediente T-366765 \u00a0 Acci\u00f3n de tutela instaurada por Martha Helena Toledo en contra del Fondo de Prestaciones Sociales del Magisterio y la Fiduciaria La Previsora S.A.\u00a0 \u00a0 Magistrada Ponente (E):\u00a0 \u00a0 Dra. MARTHA VICTORIA S\u00c1CHICA M\u00c9NDEZ. \u00a0 Bogot\u00e1, D.C., diciembre siete (7) de dos mil (2000) \u00a0 \u00a0 \u00a0 SENTENCIA \u00a0 en el proceso de revisi\u00f3n del fallo adoptado por ...<br \/><div class=\"pt-cv-rmwrap\"><a href=\"https:\/\/www.dmsjuridica.com\/buscador_20179478954\/corteconstitucionalcronologico202454587\/t-1696-00\/\" class=\"_self pt-cv-readmore btn btn-success\" target=\"_self\">Ver Sentencia Completa...<\/a><\/div><\/div><\/div><\/div>\n<div class=\"col-md-12 col-sm-12 col-xs-12 pt-cv-content-item pt-cv-1-col\" ><div class='pt-cv-ifield'><a href=\"https:\/\/www.dmsjuridica.com\/buscador_20179478954\/corteconstitucionalcronologico202454587\/t-1695-00\/\" class=\"_self pt-cv-href-thumbnail pt-cv-thumb-default\" target=\"_self\" ><\/a>\n<div class=\"pt-cv-taxoterm above_title\"><a href='https:\/\/www.dmsjuridica.com\/buscador_20179478954\/corteconstitucionalcronologico202454587\/category\/buscar-en-toda-la-corte\/2000\/tutelas-2000\/' title='Tutelas 2000' class='pt-cv-tax-tutelas-2000'>Tutelas 2000<\/a><\/div>\n<h4 class=\"pt-cv-title\"><a href=\"https:\/\/www.dmsjuridica.com\/buscador_20179478954\/corteconstitucionalcronologico202454587\/t-1695-00\/\" class=\"_self\" target=\"_self\" >T-1695-00<\/a><\/h4>\n<div class=\"pt-cv-content\">\u00a0 \u00a0 Sentencia T-1695\/00 \u00a0 SISTEMA DE CARRERA-Regla general y obligatoria\/SISTEMA DE CARRERA-M\u00e9rito como elemento esencial \u00a0 FUNCION NOTARIAL-Regulaci\u00f3n constitucional\/CARRERA NOTARIAL-Obligatoriedad del concurso \u00a0 JUEZ DE TUTELA-No puede abrogarse competencias que no le corresponden\/JURISDICCION CONTENCIOSO ADMINISTRATIVA-Impugnaci\u00f3n de actos del Consejo Superior de Carrera Notarial \u00a0 Las solicitudes encaminadas a que el juez de tutela, como juez constitucional, determine si el Consejo Superior de la Carrera Notarial como \u00f3rgano administrador de la carrera notarial y los actos expedidos por \u00e9ste perdieron vigencia con la declaraci\u00f3n de inexequibilidad del Decreto 110 de 1999 \u201c por medio del cual se reestructur\u00f3 un Consejo ...<br \/><div class=\"pt-cv-rmwrap\"><a href=\"https:\/\/www.dmsjuridica.com\/buscador_20179478954\/corteconstitucionalcronologico202454587\/t-1695-00\/\" class=\"_self pt-cv-readmore btn btn-success\" target=\"_self\">Ver Sentencia Completa...<\/a><\/div><\/div><\/div><\/div>\n<div class=\"col-md-12 col-sm-12 col-xs-12 pt-cv-content-item pt-cv-1-col\" ><div class='pt-cv-ifield'><a href=\"https:\/\/www.dmsjuridica.com\/buscador_20179478954\/corteconstitucionalcronologico202454587\/t-1694-00\/\" class=\"_self pt-cv-href-thumbnail pt-cv-thumb-default\" target=\"_self\" ><\/a>\n<div class=\"pt-cv-taxoterm above_title\"><a href='https:\/\/www.dmsjuridica.com\/buscador_20179478954\/corteconstitucionalcronologico202454587\/category\/buscar-en-toda-la-corte\/2000\/tutelas-2000\/' title='Tutelas 2000' class='pt-cv-tax-tutelas-2000'>Tutelas 2000<\/a><\/div>\n<h4 class=\"pt-cv-title\"><a href=\"https:\/\/www.dmsjuridica.com\/buscador_20179478954\/corteconstitucionalcronologico202454587\/t-1694-00\/\" class=\"_self\" target=\"_self\" >T-1694-00<\/a><\/h4>\n<div class=\"pt-cv-content\">\u00a0 \u00a0 Sentencia T-1694\/00 \u00a0 ACCION DE TUTELA-T\u00e9rmino de presentaci\u00f3n\/ACCION DE TUTELA-Inmediatez \u00a0 ACCION DE TUTELA-Improcedencia por inactividad injustificada de la tutelante \u00a0 Referencia: expediente T-345707 \u00a0 Acci\u00f3n de tutela instaurada por Marleny Guerrero Su\u00e1rez contra Probolsa Seguros Ltda. \u00a0 Dra. MARTHA VICTORIA S\u00c1CHICA M\u00c9NDEZ \u00a0 Bogot\u00e1, D.C., diciembre siete (7) de dos mil (2000) \u00a0 La Sala Tercera de Revisi\u00f3n de la Corte Constitucional, integrada por los magistrados Martha Victoria S\u00e1chica M\u00e9ndez, Carlos Gaviria D\u00edaz y Jos\u00e9 Gregorio Hern\u00e1ndez Galindo, en ejercicio de sus competencias constitucionales y legales, ha proferido la siguiente \u00a0 SENTENCIA \u00a0 En el proceso \u00a0de ...<br \/><div class=\"pt-cv-rmwrap\"><a href=\"https:\/\/www.dmsjuridica.com\/buscador_20179478954\/corteconstitucionalcronologico202454587\/t-1694-00\/\" class=\"_self pt-cv-readmore btn btn-success\" target=\"_self\">Ver Sentencia Completa...<\/a><\/div><\/div><\/div><\/div>\n<div class=\"col-md-12 col-sm-12 col-xs-12 pt-cv-content-item pt-cv-1-col\" ><div class='pt-cv-ifield'><a href=\"https:\/\/www.dmsjuridica.com\/buscador_20179478954\/corteconstitucionalcronologico202454587\/t-1693-00\/\" class=\"_self pt-cv-href-thumbnail pt-cv-thumb-default\" target=\"_self\" ><\/a>\n<div class=\"pt-cv-taxoterm above_title\"><a href='https:\/\/www.dmsjuridica.com\/buscador_20179478954\/corteconstitucionalcronologico202454587\/category\/buscar-en-toda-la-corte\/2000\/tutelas-2000\/' title='Tutelas 2000' class='pt-cv-tax-tutelas-2000'>Tutelas 2000<\/a><\/div>\n<h4 class=\"pt-cv-title\"><a href=\"https:\/\/www.dmsjuridica.com\/buscador_20179478954\/corteconstitucionalcronologico202454587\/t-1693-00\/\" class=\"_self\" target=\"_self\" >T-1693-00<\/a><\/h4>\n<div class=\"pt-cv-content\">\u00a0 \u00a0 Sentencia T-1693\/00 \u00a0 ACCION DE TUTELA DE UN DERECHO PRESTACIONAL-Requisitos concurrentes \u00a0 DERECHO A LA SALUD-Retraso injustificado en autorizaci\u00f3n de cirug\u00edas, ex\u00e1menes o tratamientos \u00a0 No es normal, que se retrase la autorizaci\u00f3n de cirug\u00edas, ex\u00e1menes o tratamientos que los m\u00e9dicos recomiendan, pues ello va en contra de los derechos a la vida y a la integridad f\u00edsica de los afiliados, no solamente cuando se demuestre que sin ellos el paciente puede morir- posici\u00f3n de la sentencia de instancia para no acceder a la tutela- sino cuando se extienden injustificadamente tratamientos que son necesarios para recuperar el restablecimiento ...<br \/><div class=\"pt-cv-rmwrap\"><a href=\"https:\/\/www.dmsjuridica.com\/buscador_20179478954\/corteconstitucionalcronologico202454587\/t-1693-00\/\" class=\"_self pt-cv-readmore btn btn-success\" target=\"_self\">Ver Sentencia Completa...<\/a><\/div><\/div><\/div><\/div>\n<div class=\"col-md-12 col-sm-12 col-xs-12 pt-cv-content-item pt-cv-1-col\" ><div class='pt-cv-ifield'><a href=\"https:\/\/www.dmsjuridica.com\/buscador_20179478954\/corteconstitucionalcronologico202454587\/t-1692-00\/\" class=\"_self pt-cv-href-thumbnail pt-cv-thumb-default\" target=\"_self\" ><\/a>\n<div class=\"pt-cv-taxoterm above_title\"><a href='https:\/\/www.dmsjuridica.com\/buscador_20179478954\/corteconstitucionalcronologico202454587\/category\/buscar-en-toda-la-corte\/2000\/tutelas-2000\/' title='Tutelas 2000' class='pt-cv-tax-tutelas-2000'>Tutelas 2000<\/a><\/div>\n<h4 class=\"pt-cv-title\"><a href=\"https:\/\/www.dmsjuridica.com\/buscador_20179478954\/corteconstitucionalcronologico202454587\/t-1692-00\/\" class=\"_self\" target=\"_self\" >T-1692-00<\/a><\/h4>\n<div class=\"pt-cv-content\">\u00a0 \u00a0 Sentencia T-1692\/00 \u00a0 COMUNIDAD RELIGIOSA-Reuniones ruidosas \u00a0 DERECHO A LA INTIMIDAD PERSONAL Y FAMILIAR-Comunidad religiosa\/LIBERTAD DE CULTOS-Utilizaci\u00f3n de instrumentos t\u00e9cnicos\/LIBERTAD DE CULTOS-L\u00edmites \u00a0 Referencia: expedientes T-351766 y T- 352.348. \u00a0 Acciones de tutela instauradas por Oscar Rivera contra la Iglesia Bethesda y Patricia Elena Fern\u00e1ndez Acosta contra la Iglesia Cristiana Cuadrangular Zona 2.\u00a0 \u00a0 Magistrado Ponente: \u00a0 Dr. JAIRO CHARRY RIVAS \u00a0 La Sala Primera de Revisi\u00f3n de la Corte Constitucional, integrada por los magistrados Jairo Charry Rivas, Alfredo Beltr\u00e1n Sierra y Martha Victoria S\u00e1chica M\u00e9ndez, en ejercicio de sus competencias constitucionales y legales, ha proferido la siguiente ...<br \/><div class=\"pt-cv-rmwrap\"><a href=\"https:\/\/www.dmsjuridica.com\/buscador_20179478954\/corteconstitucionalcronologico202454587\/t-1692-00\/\" class=\"_self pt-cv-readmore btn btn-success\" target=\"_self\">Ver Sentencia Completa...<\/a><\/div><\/div><\/div><\/div>\n<div class=\"col-md-12 col-sm-12 col-xs-12 pt-cv-content-item pt-cv-1-col\" ><div class='pt-cv-ifield'><a href=\"https:\/\/www.dmsjuridica.com\/buscador_20179478954\/corteconstitucionalcronologico202454587\/t-1691-00\/\" class=\"_self pt-cv-href-thumbnail pt-cv-thumb-default\" target=\"_self\" ><\/a>\n<div class=\"pt-cv-taxoterm above_title\"><a href='https:\/\/www.dmsjuridica.com\/buscador_20179478954\/corteconstitucionalcronologico202454587\/category\/buscar-en-toda-la-corte\/2000\/tutelas-2000\/' title='Tutelas 2000' class='pt-cv-tax-tutelas-2000'>Tutelas 2000<\/a><\/div>\n<h4 class=\"pt-cv-title\"><a href=\"https:\/\/www.dmsjuridica.com\/buscador_20179478954\/corteconstitucionalcronologico202454587\/t-1691-00\/\" class=\"_self\" target=\"_self\" >T-1691-00<\/a><\/h4>\n<div class=\"pt-cv-content\">\u00a0 \u00a0 Sentencia T-1691\/00 \u00a0 JURISDICCION CONTENCIOSO ADMINISTRATIVA-Controversias sobre supresi\u00f3n de cargos \u00a0 La actora dispon\u00eda de otro medio de defensa judicial. En efecto, la acci\u00f3n de nulidad y restablecimiento del derecho le permit\u00eda controvertir ante la jurisdicci\u00f3n contencioso administrativa el acto administrativo que suprimi\u00f3 el cargo que desempe\u00f1aba en la Gobernaci\u00f3n, as\u00ed como tambi\u00e9n los que ordenaron la liquidaci\u00f3n y pago de su indemnizaci\u00f3n. La petici\u00f3n principal de la actora, dirigida a que se ordene su reintegro al cargo que ven\u00eda desempe\u00f1ando al momento del despido, o a uno equivalente, con el pago de salarios y dem\u00e1s derechos laborales ...<br \/><div class=\"pt-cv-rmwrap\"><a href=\"https:\/\/www.dmsjuridica.com\/buscador_20179478954\/corteconstitucionalcronologico202454587\/t-1691-00\/\" class=\"_self pt-cv-readmore btn btn-success\" target=\"_self\">Ver Sentencia Completa...<\/a><\/div><\/div><\/div><\/div>\n<div class=\"col-md-12 col-sm-12 col-xs-12 pt-cv-content-item pt-cv-1-col\" ><div class='pt-cv-ifield'><a href=\"https:\/\/www.dmsjuridica.com\/buscador_20179478954\/corteconstitucionalcronologico202454587\/t-1690-00\/\" class=\"_self pt-cv-href-thumbnail pt-cv-thumb-default\" target=\"_self\" ><\/a>\n<div class=\"pt-cv-taxoterm above_title\"><a href='https:\/\/www.dmsjuridica.com\/buscador_20179478954\/corteconstitucionalcronologico202454587\/category\/buscar-en-toda-la-corte\/2000\/tutelas-2000\/' title='Tutelas 2000' class='pt-cv-tax-tutelas-2000'>Tutelas 2000<\/a><\/div>\n<h4 class=\"pt-cv-title\"><a href=\"https:\/\/www.dmsjuridica.com\/buscador_20179478954\/corteconstitucionalcronologico202454587\/t-1690-00\/\" class=\"_self\" target=\"_self\" >T-1690-00<\/a><\/h4>\n<div class=\"pt-cv-content\">\u00a0 \u00a0 Sentencia T-1690\/00 \u00a0 DERECHO AL MINIMO VITAL DEL TRABAJADOR-Pago oportuno de salarios \u00a0 EMPLEADOR-Situaci\u00f3n econ\u00f3mica o presupuestal no es \u00f3bice para desconocer pago de salarios \u00a0 Referencia: \u00a0expediente T-385.103 \u00a0 Acci\u00f3n de tutela de Gilberto Van de \u00a0Venter Quiroz contra el Municipio de El Bagre -Antioquia-. \u00a0 Procedencia: Juzgado Penal Municipal de El Bagre -Antioquia-.\u00a0 \u00a0 Magistrado Ponente:\u00a0 \u00a0 Dr. ALFREDO BELTR\u00c1N SIERRA. \u00a0 La Sala Segunda (2a.) de Revisi\u00f3n de la Corte Constitucional, integrada por los magistrados Alfredo Beltr\u00e1n Sierra, Carlos Gaviria D\u00edaz y Martha V. S\u00e1chica de Moncaleano, en ejercicio de sus competencias constitucionales y legales, ...<br \/><div class=\"pt-cv-rmwrap\"><a href=\"https:\/\/www.dmsjuridica.com\/buscador_20179478954\/corteconstitucionalcronologico202454587\/t-1690-00\/\" class=\"_self pt-cv-readmore btn btn-success\" target=\"_self\">Ver Sentencia Completa...<\/a><\/div><\/div><\/div><\/div>\n<div class=\"col-md-12 col-sm-12 col-xs-12 pt-cv-content-item pt-cv-1-col\" ><div class='pt-cv-ifield'><a href=\"https:\/\/www.dmsjuridica.com\/buscador_20179478954\/corteconstitucionalcronologico202454587\/t-169-00\/\" class=\"_self pt-cv-href-thumbnail pt-cv-thumb-default\" target=\"_self\" ><\/a>\n<div class=\"pt-cv-taxoterm above_title\"><a href='https:\/\/www.dmsjuridica.com\/buscador_20179478954\/corteconstitucionalcronologico202454587\/category\/buscar-en-toda-la-corte\/2000\/tutelas-2000\/' title='Tutelas 2000' class='pt-cv-tax-tutelas-2000'>Tutelas 2000<\/a><\/div>\n<h4 class=\"pt-cv-title\"><a href=\"https:\/\/www.dmsjuridica.com\/buscador_20179478954\/corteconstitucionalcronologico202454587\/t-169-00\/\" class=\"_self\" target=\"_self\" >T-169-00<\/a><\/h4>\n<div class=\"pt-cv-content\">\u00a0 \u00a0 Sentencia T-169\/00 \u00a0 SENTENCIA DE REVISION DE TUTELA-Breve justificaci\u00f3n \u00a0 ACCION DE TUTELA-Improcedencia por inexistencia de prueba alguna en relaci\u00f3n con la violaci\u00f3n alegada \u00a0 DERECHO A LA INTIMIDAD PERSONAL-Maneras de vulneraci\u00f3n \u00a0 DERECHO A LA INTIMIDAD DEL DOCENTE-Inexistencia de afectaci\u00f3n por afirmaci\u00f3n de falta de respeto \u00a0 DEBIDO PROCESO DISCIPLINARIO DE DOCENTE-Inexistencia de vulneraci\u00f3n por el s\u00f3lo hecho de poner en conocimiento queja de alumno \u00a0 ACCION DE TUTELA-Improcedencia para dirimir conflicto entre rector y docente sobre permisos para participar en Comit\u00e9 para la paz \u00a0 ASAMBLEA PERMANENTE PARA LA PAZ-Participaci\u00f3n de docente no justifica por s\u00ed ...<br \/><div class=\"pt-cv-rmwrap\"><a href=\"https:\/\/www.dmsjuridica.com\/buscador_20179478954\/corteconstitucionalcronologico202454587\/t-169-00\/\" class=\"_self pt-cv-readmore btn btn-success\" target=\"_self\">Ver Sentencia Completa...<\/a><\/div><\/div><\/div><\/div>\n<div class=\"col-md-12 col-sm-12 col-xs-12 pt-cv-content-item pt-cv-1-col\" ><div class='pt-cv-ifield'><a href=\"https:\/\/www.dmsjuridica.com\/buscador_20179478954\/corteconstitucionalcronologico202454587\/t-1689-00\/\" class=\"_self pt-cv-href-thumbnail pt-cv-thumb-default\" target=\"_self\" ><\/a>\n<div class=\"pt-cv-taxoterm above_title\"><a href='https:\/\/www.dmsjuridica.com\/buscador_20179478954\/corteconstitucionalcronologico202454587\/category\/buscar-en-toda-la-corte\/2000\/tutelas-2000\/' title='Tutelas 2000' class='pt-cv-tax-tutelas-2000'>Tutelas 2000<\/a><\/div>\n<h4 class=\"pt-cv-title\"><a href=\"https:\/\/www.dmsjuridica.com\/buscador_20179478954\/corteconstitucionalcronologico202454587\/t-1689-00\/\" class=\"_self\" target=\"_self\" >T-1689-00<\/a><\/h4>\n<div class=\"pt-cv-content\">\u00a0 \u00a0 Sentencia T-1689\/00 \u00a0 ACCION DE TUTELA-Improcedencia para ordenar realizaci\u00f3n de obra p\u00fablica por el solo hecho de estar prevista en el presupuesto\/DERECHO A LA VIVIENDA DIGNA-Deslizamiento de tierra \u00a0 Referencia: expediente T-384382 \u00a0 Peticionario: Margarita Teresa Moncada \u00a0 Magistrado Ponente:\u00a0 \u00a0 Dr. ALFREDO BELTR\u00c1N SIERRA. \u00a0 Bogot\u00e1, D.C., siete (7) de diciembre de dos mil (2000). \u00a0 La Sala Segunda de Revisi\u00f3n de la Corte Constitucional, integrada por los magistrados, Alfredo Beltr\u00e1n Sierra, Carlos Gaviria D\u00edaz y Martha S\u00e1chica de Moncaleano (e), en ejercicio de sus competencias constitucionales y legales, ha proferido la siguiente : \u00a0 SENTENCIA \u00a0 ...<br \/><div class=\"pt-cv-rmwrap\"><a href=\"https:\/\/www.dmsjuridica.com\/buscador_20179478954\/corteconstitucionalcronologico202454587\/t-1689-00\/\" class=\"_self pt-cv-readmore btn btn-success\" target=\"_self\">Ver Sentencia Completa...<\/a><\/div><\/div><\/div><\/div>\n<div class=\"col-md-12 col-sm-12 col-xs-12 pt-cv-content-item pt-cv-1-col\" ><div class='pt-cv-ifield'><a href=\"https:\/\/www.dmsjuridica.com\/buscador_20179478954\/corteconstitucionalcronologico202454587\/t-1688-00\/\" class=\"_self pt-cv-href-thumbnail pt-cv-thumb-default\" target=\"_self\" ><\/a>\n<div class=\"pt-cv-taxoterm above_title\"><a href='https:\/\/www.dmsjuridica.com\/buscador_20179478954\/corteconstitucionalcronologico202454587\/category\/buscar-en-toda-la-corte\/2000\/tutelas-2000\/' title='Tutelas 2000' class='pt-cv-tax-tutelas-2000'>Tutelas 2000<\/a><\/div>\n<h4 class=\"pt-cv-title\"><a href=\"https:\/\/www.dmsjuridica.com\/buscador_20179478954\/corteconstitucionalcronologico202454587\/t-1688-00\/\" class=\"_self\" target=\"_self\" >T-1688-00<\/a><\/h4>\n<div class=\"pt-cv-content\">\u00a0 \u00a0 Sentencia T-1688\/00 \u00a0 DERECHO AL MINIMO VITAL DEL PENSIONADO-Pago oportuno de mesadas \u00a0 EMPLEADOR-Situaci\u00f3n econ\u00f3mica o presupuestal no es \u00f3bice para desconocer pago de mesadas pensionales \u00a0 Reiteraci\u00f3n de jurisprudencia \u00a0 Referencia: expediente T-380.943. \u00a0 Acci\u00f3n \u00a0de tutela de Elsa Pineda de Candamil, en contra de la Universidad del Valle. \u00a0 Procedencia: Juzgado Catorce Penal del Circuito de Cali. \u00a0 Magistrado Ponente: \u00a0 \u00a0 Dr. ALFREDO BELTR\u00c1N SIERRA. \u00a0 Sentencia aprobada en Bogot\u00e1 D.C; en sesi\u00f3n del siete (7) de diciembre de dos mil (2000). \u00a0 La Sala Segunda (2a.) de Revisi\u00f3n de la Corte Constitucional, integrada por ...<br \/><div class=\"pt-cv-rmwrap\"><a href=\"https:\/\/www.dmsjuridica.com\/buscador_20179478954\/corteconstitucionalcronologico202454587\/t-1688-00\/\" class=\"_self pt-cv-readmore btn btn-success\" target=\"_self\">Ver Sentencia Completa...<\/a><\/div><\/div><\/div><\/div>\n<div class=\"col-md-12 col-sm-12 col-xs-12 pt-cv-content-item pt-cv-1-col\" ><div class='pt-cv-ifield'><a href=\"https:\/\/www.dmsjuridica.com\/buscador_20179478954\/corteconstitucionalcronologico202454587\/t-1687-00\/\" class=\"_self pt-cv-href-thumbnail pt-cv-thumb-default\" target=\"_self\" ><\/a>\n<div class=\"pt-cv-taxoterm above_title\"><a href='https:\/\/www.dmsjuridica.com\/buscador_20179478954\/corteconstitucionalcronologico202454587\/category\/buscar-en-toda-la-corte\/2000\/tutelas-2000\/' title='Tutelas 2000' class='pt-cv-tax-tutelas-2000'>Tutelas 2000<\/a><\/div>\n<h4 class=\"pt-cv-title\"><a href=\"https:\/\/www.dmsjuridica.com\/buscador_20179478954\/corteconstitucionalcronologico202454587\/t-1687-00\/\" class=\"_self\" target=\"_self\" >T-1687-00<\/a><\/h4>\n<div class=\"pt-cv-content\">\u00a0 \u00a0 {p} \u00a0 Sentencia T-1687\/00 \u00a0 ACCION DE TUTELA-Naturaleza \u00a0 JUEZ CONSTITUCIONAL-Improcedencia para sustituir a las autoridades en las competencias asignadas por la Constituci\u00f3n Pol\u00edtica \u00a0 GOBIERNO NACIONAL-Formulaci\u00f3n anual del presupuesto y ley de apropiaciones\/JUEZ DE TUTELA-Imposibilidad de modificar presupuesto para incremento salarial de servidores p\u00fablicos \u00a0 ACCION DE TUTELA TRANSITORIA-Improcedencia incremento salarial para servidores p\u00fablicos \u00a0 Referencia: expedientes T-342474 y \u00a0 \u00a0 \u00a0 \u00a0 \u00a0 \u00a0 otros.\u00a0 \u00a0 Acci\u00f3n de tutela de Gustavo Alberto Duque Espinoza y otros \u00a0 Procedencia: Juzgado Civil del Circuito de Sopetr\u00e1n y otros \u00a0 Magistrado Ponente:\u00a0 \u00a0 Dr. ALFREDO BELTR\u00c1N SIERRA \u00a0 Bogot\u00e1, ...<br \/><div class=\"pt-cv-rmwrap\"><a href=\"https:\/\/www.dmsjuridica.com\/buscador_20179478954\/corteconstitucionalcronologico202454587\/t-1687-00\/\" class=\"_self pt-cv-readmore btn btn-success\" target=\"_self\">Ver Sentencia Completa...<\/a><\/div><\/div><\/div><\/div>\n<div class=\"col-md-12 col-sm-12 col-xs-12 pt-cv-content-item pt-cv-1-col\" ><div class='pt-cv-ifield'><a href=\"https:\/\/www.dmsjuridica.com\/buscador_20179478954\/corteconstitucionalcronologico202454587\/t-1686-00\/\" class=\"_self pt-cv-href-thumbnail pt-cv-thumb-default\" target=\"_self\" ><\/a>\n<div class=\"pt-cv-taxoterm above_title\"><a href='https:\/\/www.dmsjuridica.com\/buscador_20179478954\/corteconstitucionalcronologico202454587\/category\/buscar-en-toda-la-corte\/2000\/tutelas-2000\/' title='Tutelas 2000' class='pt-cv-tax-tutelas-2000'>Tutelas 2000<\/a><\/div>\n<h4 class=\"pt-cv-title\"><a href=\"https:\/\/www.dmsjuridica.com\/buscador_20179478954\/corteconstitucionalcronologico202454587\/t-1686-00\/\" class=\"_self\" target=\"_self\" >T-1686-00<\/a><\/h4>\n<div class=\"pt-cv-content\">\u00a0 \u00a0 Sentencia T-1686\/00 \u00a0 \u00a0 \u00a0 ACCION DE TUTELA CONTRA PARTICULARES-Subordinaci\u00f3n\u00a0 \u00a0 ACCION DE TUTELA PARA CUMPLIMIENTO DE SENTENCIAS-Procedencia\/DEBIDO PROCESO-Cumplimiento de sentencias\/DERECHO DE ACCESO A LA ADMINISTRACION DE JUSTICIA-Cumplimiento de sentencias \u00a0 Referencia: expediente T-341108\u00a0 \u00a0 Acci\u00f3n de tutela incoada por Jos\u00e9 Mar\u00eda Barrero Alvarez, en su calidad de Presidente del Sindicato de Trabajadores de Gaseosas, Refrescos y Alimentos relacionados con la Industria, \"SINTIGAL\", contra la empresa \"Panamco Indega S.A.\"\u00a0 \u00a0 Magistrado Ponente: \u00a0 Dr. JOS\u00c9 GREGORIO HERN\u00c1NDEZ GALINDO \u00a0 Bogot\u00e1, D.C., seis (6) de diciembre de dos mil (2000). \u00a0 SENTENCIA \u00a0 dentro del proceso de revisi\u00f3n de ...<br \/><div class=\"pt-cv-rmwrap\"><a href=\"https:\/\/www.dmsjuridica.com\/buscador_20179478954\/corteconstitucionalcronologico202454587\/t-1686-00\/\" class=\"_self pt-cv-readmore btn btn-success\" target=\"_self\">Ver Sentencia Completa...<\/a><\/div><\/div><\/div><\/div>\n<div class=\"col-md-12 col-sm-12 col-xs-12 pt-cv-content-item pt-cv-1-col\" ><div class='pt-cv-ifield'><a href=\"https:\/\/www.dmsjuridica.com\/buscador_20179478954\/corteconstitucionalcronologico202454587\/t-1685-00\/\" class=\"_self pt-cv-href-thumbnail pt-cv-thumb-default\" target=\"_self\" ><\/a>\n<div class=\"pt-cv-taxoterm above_title\"><a href='https:\/\/www.dmsjuridica.com\/buscador_20179478954\/corteconstitucionalcronologico202454587\/category\/buscar-en-toda-la-corte\/2000\/tutelas-2000\/' title='Tutelas 2000' class='pt-cv-tax-tutelas-2000'>Tutelas 2000<\/a><\/div>\n<h4 class=\"pt-cv-title\"><a href=\"https:\/\/www.dmsjuridica.com\/buscador_20179478954\/corteconstitucionalcronologico202454587\/t-1685-00\/\" class=\"_self\" target=\"_self\" >T-1685-00<\/a><\/h4>\n<div class=\"pt-cv-content\">\u00a0 \u00a0 Sentencia T-1685\/00 \u00a0 \u00a0 \u00a0 CONCURSO DE MERITOS-Nombramiento de quien obtuvo el primer puesto \u00a0 CARRERA JUDICIAL-Exclusi\u00f3n de candidato por sanci\u00f3n disciplinaria \u00a0 Referencia: expediente T-334100 \u00a0 Magistrado Ponente: \u00a0 Dr. JOS\u00c9 GREGORIO HERN\u00c1NDEZ GALINDO \u00a0 Bogot\u00e1, D.C., seis (6) de diciembre de dos mil (2000). \u00a0 La Sala Quinta de Revisi\u00f3n de la Corte Constitucional, en ejercicio de sus atribuciones constitucionales y legales, espec\u00edficamente las previstas en los art\u00edculos 86 y \u00a0241, numeral 9, de la Constituci\u00f3n Pol\u00edtica y en el Decreto 2591 de 1991, ha proferido la siguiente \u00a0 SENTENCIA \u00a0 dentro del proceso de revisi\u00f3n ...<br \/><div class=\"pt-cv-rmwrap\"><a href=\"https:\/\/www.dmsjuridica.com\/buscador_20179478954\/corteconstitucionalcronologico202454587\/t-1685-00\/\" class=\"_self pt-cv-readmore btn btn-success\" target=\"_self\">Ver Sentencia Completa...<\/a><\/div><\/div><\/div><\/div>\n<div class=\"col-md-12 col-sm-12 col-xs-12 pt-cv-content-item pt-cv-1-col\" ><div class='pt-cv-ifield'><a href=\"https:\/\/www.dmsjuridica.com\/buscador_20179478954\/corteconstitucionalcronologico202454587\/t-1684-00\/\" class=\"_self pt-cv-href-thumbnail pt-cv-thumb-default\" target=\"_self\" ><\/a>\n<div class=\"pt-cv-taxoterm above_title\"><a href='https:\/\/www.dmsjuridica.com\/buscador_20179478954\/corteconstitucionalcronologico202454587\/category\/buscar-en-toda-la-corte\/2000\/tutelas-2000\/' title='Tutelas 2000' class='pt-cv-tax-tutelas-2000'>Tutelas 2000<\/a><\/div>\n<h4 class=\"pt-cv-title\"><a href=\"https:\/\/www.dmsjuridica.com\/buscador_20179478954\/corteconstitucionalcronologico202454587\/t-1684-00\/\" class=\"_self\" target=\"_self\" >T-1684-00<\/a><\/h4>\n<div class=\"pt-cv-content\">\u00a0 \u00a0 Sentencia T-1684\/00 \u00a0 \u00a0 \u00a0 FALTA DE LEGITIMACION POR ACTIVA DE SINDICATO-No se hab\u00eda obtenido a\u00fan inscripci\u00f3n del acta de constituci\u00f3n \u00a0 LIBERTAD DE ASOCIACION SINDICAL-Improcedencia de obstaculizaci\u00f3n \u00a0 Referencia: expedientes acumulados T-322993 y T-333973 \u00a0 Magistrado Ponente: \u00a0 Dr. JOS\u00c9 GREGORIO HERN\u00c1NDEZ GALINDO \u00a0 Bogot\u00e1, D.C., seis (6) de diciembre de dos mil (2000). \u00a0 La Sala Quinta de Revisi\u00f3n de la Corte Constitucional, en ejercicio de sus atribuciones constitucionales y legales, espec\u00edficamente las previstas en los art\u00edculos 86 y \u00a0241, numeral 9, de la Constituci\u00f3n Pol\u00edtica y en el Decreto 2591 de 1991, ha proferido la ...<br \/><div class=\"pt-cv-rmwrap\"><a href=\"https:\/\/www.dmsjuridica.com\/buscador_20179478954\/corteconstitucionalcronologico202454587\/t-1684-00\/\" class=\"_self pt-cv-readmore btn btn-success\" target=\"_self\">Ver Sentencia Completa...<\/a><\/div><\/div><\/div><\/div>\n<div class=\"col-md-12 col-sm-12 col-xs-12 pt-cv-content-item pt-cv-1-col\" ><div class='pt-cv-ifield'><a href=\"https:\/\/www.dmsjuridica.com\/buscador_20179478954\/corteconstitucionalcronologico202454587\/t-1683-00\/\" class=\"_self pt-cv-href-thumbnail pt-cv-thumb-default\" target=\"_self\" ><\/a>\n<div class=\"pt-cv-taxoterm above_title\"><a href='https:\/\/www.dmsjuridica.com\/buscador_20179478954\/corteconstitucionalcronologico202454587\/category\/buscar-en-toda-la-corte\/2000\/tutelas-2000\/' title='Tutelas 2000' class='pt-cv-tax-tutelas-2000'>Tutelas 2000<\/a><\/div>\n<h4 class=\"pt-cv-title\"><a href=\"https:\/\/www.dmsjuridica.com\/buscador_20179478954\/corteconstitucionalcronologico202454587\/t-1683-00\/\" class=\"_self\" target=\"_self\" >T-1683-00<\/a><\/h4>\n<div class=\"pt-cv-content\">\u00a0 \u00a0 Sentencia T-1683\/00 \u00a0 LICENCIA DE MATERNIDAD-Procedencia excepcional de tutela para el pago \u00a0 ACCION DE TUTELA-Improcedencia contra derechos inciertos \u00a0 Reiteraci\u00f3n de Jurisprudencia \u00a0 Referencia: expediente T-316242 \u00a0 Acci\u00f3n de tutela instaurada por Stella Cort\u00e9s Romero y Luz Myriam Cu\u00e9llar Trujillo contra el Instituto de Seguros Sociales. \u00a0 Magistrado Ponente: \u00a0 Bogot\u00e1, D.C. a los siete (7) d\u00edas del mes de diciembre de dos mil (2000). \u00a0 La Sala Sexta de Revisi\u00f3n de la Corte Constitucional, en ejercicio de sus competencias constitucionales y legales, en particular las contenidas en los art\u00edculos 86 y 241, numeral 9, de la ...<br \/><div class=\"pt-cv-rmwrap\"><a href=\"https:\/\/www.dmsjuridica.com\/buscador_20179478954\/corteconstitucionalcronologico202454587\/t-1683-00\/\" class=\"_self pt-cv-readmore btn btn-success\" target=\"_self\">Ver Sentencia Completa...<\/a><\/div><\/div><\/div><\/div>\n<div class=\"col-md-12 col-sm-12 col-xs-12 pt-cv-content-item pt-cv-1-col\" ><div class='pt-cv-ifield'><a href=\"https:\/\/www.dmsjuridica.com\/buscador_20179478954\/corteconstitucionalcronologico202454587\/t-1682-00\/\" class=\"_self pt-cv-href-thumbnail pt-cv-thumb-default\" target=\"_self\" ><\/a>\n<div class=\"pt-cv-taxoterm above_title\"><a href='https:\/\/www.dmsjuridica.com\/buscador_20179478954\/corteconstitucionalcronologico202454587\/category\/buscar-en-toda-la-corte\/2000\/tutelas-2000\/' title='Tutelas 2000' class='pt-cv-tax-tutelas-2000'>Tutelas 2000<\/a><\/div>\n<h4 class=\"pt-cv-title\"><a href=\"https:\/\/www.dmsjuridica.com\/buscador_20179478954\/corteconstitucionalcronologico202454587\/t-1682-00\/\" class=\"_self\" target=\"_self\" >T-1682-00<\/a><\/h4>\n<div class=\"pt-cv-content\">INDEFENSION-Persona respecto a medios de informaci\u00f3n \u00a0 ACCION DE TUTELA CONTRA MEDIOS DE COMUNICACION-Solicitud previa de rectificaci\u00f3n de datos publicados \u00a0 LIBERTAD DE INFORMACION-Condiciones de veracidad e imparcialidad \u00a0 PRINCIPIO DE VERACIDAD E IMPARCIALIDAD EN LA INFORMACION-Alcance y situaciones \u00a0 INFORMACION VERAZ E IMPARCIAL-Publicaci\u00f3n de art\u00edculo en la revista Cambio \u00a0 -Sala Novena de Revisi\u00f3n- \u00a0 Referencia: expediente T- 362073 \u00a0 Acci\u00f3n de tutela instaurada por Juan Camilo Restrepo Salazar contra la Revista Cambio y Mauricio Vargas Linares. \u00a0 Magistrado Ponente:\u00a0 \u00a0 Dr. ALVARO TAFUR GALVIS. \u00a0 Bogot\u00e1, D.C., siete (7) de diciembre del a\u00f1o dos mil (2000). \u00a0 La ...<br \/><div class=\"pt-cv-rmwrap\"><a href=\"https:\/\/www.dmsjuridica.com\/buscador_20179478954\/corteconstitucionalcronologico202454587\/t-1682-00\/\" class=\"_self pt-cv-readmore btn btn-success\" target=\"_self\">Ver Sentencia Completa...<\/a><\/div><\/div><\/div><\/div>\n<div class=\"col-md-12 col-sm-12 col-xs-12 pt-cv-content-item pt-cv-1-col\" ><div class='pt-cv-ifield'><a href=\"https:\/\/www.dmsjuridica.com\/buscador_20179478954\/corteconstitucionalcronologico202454587\/t-1681-00\/\" class=\"_self pt-cv-href-thumbnail pt-cv-thumb-default\" target=\"_self\" ><\/a>\n<div class=\"pt-cv-taxoterm above_title\"><a href='https:\/\/www.dmsjuridica.com\/buscador_20179478954\/corteconstitucionalcronologico202454587\/category\/buscar-en-toda-la-corte\/2000\/tutelas-2000\/' title='Tutelas 2000' class='pt-cv-tax-tutelas-2000'>Tutelas 2000<\/a><\/div>\n<h4 class=\"pt-cv-title\"><a href=\"https:\/\/www.dmsjuridica.com\/buscador_20179478954\/corteconstitucionalcronologico202454587\/t-1681-00\/\" class=\"_self\" target=\"_self\" >T-1681-00<\/a><\/h4>\n<div class=\"pt-cv-content\">\u00a0 \u00a0 Sentencia T-1681\/00 \u00a0 ACCION DE TUTELA-Hecho superado \u00a0 Referencia: expediente T-377883 \u00a0 Acci\u00f3n de tutela instaurada por Dora Mejia Diez Contra Compa\u00f1\u00eda Colombiana De Tejidos S.A. - \u00a0Coltejer. \u00a0 Magistrado: \u00a0 Dr. FABIO MORON DIAZ \u00a0 \u00a0 \u00a0 \u00a0 \u00a0 \u00a0 \u00a0 \u00a0 \u00a0 \u00a0 \u00a0 \u00a0 \u00a0 \u00a0 \u00a0 \u00a0 \u00a0 \u00a0 Bogot\u00e1, D.C., diciembre cinco (5) del dos mil (2000) \u00a0 \u00a0 La Sala S\u00e9ptima de Revisi\u00f3n de Tutelas de la Corte Constitucional, integrada por los Magistrados CRISTINA PARDO SCHLESINGER (e), ALVARO TAFUR GALVIS y FABIO MORON DIAZ, en ejercicio de sus competencias constitucionales y legales, ...<br \/><div class=\"pt-cv-rmwrap\"><a href=\"https:\/\/www.dmsjuridica.com\/buscador_20179478954\/corteconstitucionalcronologico202454587\/t-1681-00\/\" class=\"_self pt-cv-readmore btn btn-success\" target=\"_self\">Ver Sentencia Completa...<\/a><\/div><\/div><\/div><\/div>\n<div class=\"col-md-12 col-sm-12 col-xs-12 pt-cv-content-item pt-cv-1-col\" ><div class='pt-cv-ifield'><a href=\"https:\/\/www.dmsjuridica.com\/buscador_20179478954\/corteconstitucionalcronologico202454587\/t-1680-00\/\" class=\"_self pt-cv-href-thumbnail pt-cv-thumb-default\" target=\"_self\" ><\/a>\n<div class=\"pt-cv-taxoterm above_title\"><a href='https:\/\/www.dmsjuridica.com\/buscador_20179478954\/corteconstitucionalcronologico202454587\/category\/buscar-en-toda-la-corte\/2000\/tutelas-2000\/' title='Tutelas 2000' class='pt-cv-tax-tutelas-2000'>Tutelas 2000<\/a><\/div>\n<h4 class=\"pt-cv-title\"><a href=\"https:\/\/www.dmsjuridica.com\/buscador_20179478954\/corteconstitucionalcronologico202454587\/t-1680-00\/\" class=\"_self\" target=\"_self\" >T-1680-00<\/a><\/h4>\n<div class=\"pt-cv-content\">\u00a0 \u00a0 Sentencia T-1680\/00 \u00a0 \u00a0 \u00a0 ACCION DE TUTELA-Procedencia excepcional pago de acreencias laborales \u00a0 DERECHO AL PAGO OPORTUNO DEL SALARIO-Fundamental \u00a0 EMPLEADOR-Falta de presupuesto o insolvencia para pago oportuno de salarios no es raz\u00f3n suficiente \u00a0 DERECHO AL MINIMO VITAL DEL TRABAJADOR-Pago oportuno de salarios \u00a0 Referencia: expediente T-370278 \u00a0 Acci\u00f3n de tutela instaurada por Carmen Yudy Martinez Mosquera contra Municipio De Istmina Choco. \u00a0 Magistrado: \u00a0 Dr. FABIO MORON DIAZ \u00a0 Bogot\u00e1, D.C., diciembre cinco (5) del dos mil (2000) \u00a0 \u00a0 La Sala S\u00e9ptima de Revisi\u00f3n de Tutelas de la Corte Constitucional, integrada por los Magistrados ...<br \/><div class=\"pt-cv-rmwrap\"><a href=\"https:\/\/www.dmsjuridica.com\/buscador_20179478954\/corteconstitucionalcronologico202454587\/t-1680-00\/\" class=\"_self pt-cv-readmore btn btn-success\" target=\"_self\">Ver Sentencia Completa...<\/a><\/div><\/div><\/div><\/div>\n<div class=\"col-md-12 col-sm-12 col-xs-12 pt-cv-content-item pt-cv-1-col\" ><div class='pt-cv-ifield'><a href=\"https:\/\/www.dmsjuridica.com\/buscador_20179478954\/corteconstitucionalcronologico202454587\/t-168-00\/\" class=\"_self pt-cv-href-thumbnail pt-cv-thumb-default\" target=\"_self\" ><\/a>\n<div class=\"pt-cv-taxoterm above_title\"><a href='https:\/\/www.dmsjuridica.com\/buscador_20179478954\/corteconstitucionalcronologico202454587\/category\/buscar-en-toda-la-corte\/2000\/tutelas-2000\/' title='Tutelas 2000' class='pt-cv-tax-tutelas-2000'>Tutelas 2000<\/a><\/div>\n<h4 class=\"pt-cv-title\"><a href=\"https:\/\/www.dmsjuridica.com\/buscador_20179478954\/corteconstitucionalcronologico202454587\/t-168-00\/\" class=\"_self\" target=\"_self\" >T-168-00<\/a><\/h4>\n<div class=\"pt-cv-content\">\u00a0 \u00a0 Sentencia T-168\/00 \u00a0 CONMUTACION PENSIONAL-Dilataci\u00f3n por Compa\u00f1\u00eda de inversiones de la Flota Mercante que afecta derechos de jubilados \u00a0 CONMUTACION PENSIONAL-Procedimientos, estudios y propuestas para la efectividad no pueden afectar pago oportuno de mesadas pensionales \u00a0 DERECHO A LA VIDA DIGNA-Pago oportuno de mesadas pensionales por Compa\u00f1\u00eda de Inversiones de la Flota Mercante \u00a0 Referencia: expedientes T-267304, T-274341 y T-277486. \u00a0 Peticionarios: Oscar Fabio Casasbuenas, Jacobo Sosa Valega y Edgar Preciado Batalla\u00a0 \u00a0 Procedencia : Juzgado Trece Laboral del Circuito de Bogot\u00e1, Juzgado Primero Laboral del Circuito de Barranquilla y Tribunal Superior del Distrito Judicial de Santaf\u00e9 de ...<br \/><div class=\"pt-cv-rmwrap\"><a href=\"https:\/\/www.dmsjuridica.com\/buscador_20179478954\/corteconstitucionalcronologico202454587\/t-168-00\/\" class=\"_self pt-cv-readmore btn btn-success\" target=\"_self\">Ver Sentencia Completa...<\/a><\/div><\/div><\/div><\/div>\n<div class=\"col-md-12 col-sm-12 col-xs-12 pt-cv-content-item pt-cv-1-col\" ><div class='pt-cv-ifield'><a href=\"https:\/\/www.dmsjuridica.com\/buscador_20179478954\/corteconstitucionalcronologico202454587\/t-1679-00\/\" class=\"_self pt-cv-href-thumbnail pt-cv-thumb-default\" target=\"_self\" ><\/a>\n<div class=\"pt-cv-taxoterm above_title\"><a href='https:\/\/www.dmsjuridica.com\/buscador_20179478954\/corteconstitucionalcronologico202454587\/category\/buscar-en-toda-la-corte\/2000\/tutelas-2000\/' title='Tutelas 2000' class='pt-cv-tax-tutelas-2000'>Tutelas 2000<\/a><\/div>\n<h4 class=\"pt-cv-title\"><a href=\"https:\/\/www.dmsjuridica.com\/buscador_20179478954\/corteconstitucionalcronologico202454587\/t-1679-00\/\" class=\"_self\" target=\"_self\" >T-1679-00<\/a><\/h4>\n<div class=\"pt-cv-content\">\u00a0 \u00a0 Sentencia T-1679\/00 \u00a0 PROCESO DE LIQUIDACION FORZOSA DE ENTIDADES FINANCIERAS-Finalidad\/PROCESO DE LIQUIDACION FORZOSA-Intervenci\u00f3n de entidades financieras\u00a0 \u00a0 CONTRIBUCION PARAFISCAL-Alcance\/SISTEMA DE SEGURIDAD SOCIAL EN SALUD-Recursos tienen car\u00e1cter parafiscal \u00a0 ENTIDAD PROMOTORA DE SALUD-Recursos parafiscales no constituyen patrimonio \u00a0 ACCION DE TUTELA-Restituci\u00f3n de dineros de entidades financieras \u00a0por tratarse de recursos con car\u00e1cter de contribuciones parafiscales \u00a0 - Reiteraci\u00f3n de Jurisprudencia - \u00a0 Referencia: expediente T-321274 \u00a0 Acci\u00f3n de tutela interpuesta por EL DISTRITO TURISTICO Y CULTURAL DE CARTAGENA DE INDIAS contra EL BANCO DEL PACIFICO, EN LIQUIDACION. \u00a0 Magistrado Ponente: \u00a0 Dr. FABIO MORON DIAZ\u00a0 \u00a0 Bogot\u00e1, D.C., diciembre ...<br \/><div class=\"pt-cv-rmwrap\"><a href=\"https:\/\/www.dmsjuridica.com\/buscador_20179478954\/corteconstitucionalcronologico202454587\/t-1679-00\/\" class=\"_self pt-cv-readmore btn btn-success\" target=\"_self\">Ver Sentencia Completa...<\/a><\/div><\/div><\/div><\/div>\n<div class=\"col-md-12 col-sm-12 col-xs-12 pt-cv-content-item pt-cv-1-col\" ><div class='pt-cv-ifield'><a href=\"https:\/\/www.dmsjuridica.com\/buscador_20179478954\/corteconstitucionalcronologico202454587\/t-1678-00\/\" class=\"_self pt-cv-href-thumbnail pt-cv-thumb-default\" target=\"_self\" ><\/a>\n<div class=\"pt-cv-taxoterm above_title\"><a href='https:\/\/www.dmsjuridica.com\/buscador_20179478954\/corteconstitucionalcronologico202454587\/category\/buscar-en-toda-la-corte\/2000\/tutelas-2000\/' title='Tutelas 2000' class='pt-cv-tax-tutelas-2000'>Tutelas 2000<\/a><\/div>\n<h4 class=\"pt-cv-title\"><a href=\"https:\/\/www.dmsjuridica.com\/buscador_20179478954\/corteconstitucionalcronologico202454587\/t-1678-00\/\" class=\"_self\" target=\"_self\" >T-1678-00<\/a><\/h4>\n<div class=\"pt-cv-content\">\u00a0 \u00a0 Sentencia T-1678\/00 \u00a0 DERECHO A LA SALUD-No se pueden oponer periodos minimos de cotizaci\u00f3n ante situaciones de urgencia\/DERECHO A LA SALUD-Pr\u00e1ctica de cateterismo cardiaco \u00a0 DERECHO A LA SALUD-Fundamental por conexidad con la vida\/ENTIDAD PROMOTORA DE SALUD-Repetici\u00f3n contra el FOSYGA \u00a0 Referencia: expediente T-355304 \u00a0 Acci\u00f3n de tutela interpuesta por Margarita Osorio Pedrozo contra el ISS Seccional Magdalena. \u00a0 Dr. FABIO MORON DIAZ\u00a0 \u00a0 Bogot\u00e1, D.C., diciembre cinco (5) de dos mil (2000) \u00a0\u00a0 \u00a0 \u00a0 \u00a0 La Sala S\u00e9ptima de Revisi\u00f3n de Tutelas de la Corte Constitucional, integrada por los Magistrados FABIO MORON DIAZ, CRISTINA PARDO SCHLESINGER ...<br \/><div class=\"pt-cv-rmwrap\"><a href=\"https:\/\/www.dmsjuridica.com\/buscador_20179478954\/corteconstitucionalcronologico202454587\/t-1678-00\/\" class=\"_self pt-cv-readmore btn btn-success\" target=\"_self\">Ver Sentencia Completa...<\/a><\/div><\/div><\/div><\/div>\n<div class=\"col-md-12 col-sm-12 col-xs-12 pt-cv-content-item pt-cv-1-col\" ><div class='pt-cv-ifield'><a href=\"https:\/\/www.dmsjuridica.com\/buscador_20179478954\/corteconstitucionalcronologico202454587\/t-1677-00\/\" class=\"_self pt-cv-href-thumbnail pt-cv-thumb-default\" target=\"_self\" ><\/a>\n<div class=\"pt-cv-taxoterm above_title\"><a href='https:\/\/www.dmsjuridica.com\/buscador_20179478954\/corteconstitucionalcronologico202454587\/category\/buscar-en-toda-la-corte\/2000\/tutelas-2000\/' title='Tutelas 2000' class='pt-cv-tax-tutelas-2000'>Tutelas 2000<\/a><\/div>\n<h4 class=\"pt-cv-title\"><a href=\"https:\/\/www.dmsjuridica.com\/buscador_20179478954\/corteconstitucionalcronologico202454587\/t-1677-00\/\" class=\"_self\" target=\"_self\" >T-1677-00<\/a><\/h4>\n<div class=\"pt-cv-content\">\u00a0 \u00a0 Sentencia T-1677\/00 \u00a0 DERECHO A LA EDUCACION-Fundamental \u00a0 SEGURIDAD SOCIAL-No pueden suspenderse abruptamente los efectos de sus actos administrativos prestacionales\/PENSION DE SOBREVIVIENTES-Suspensi\u00f3n a hijo mayor de dieciocho a\u00f1os que se encuentra estudiando \u00a0 Referencia: expediente No. T-355208 \u00a0 Acci\u00f3n de tutela interpuesta por Carlos Julio Ravelo Peralta contra el ISS \u2013 Seccional Valledupar \u00a0 \u00a0 Magistrado Ponente: \u00a0 Dr. FABIO MORON DIAZ\u00a0 \u00a0 Bogot\u00e1, D.C., \u00a0diciembre cinco (5) de dos mil (2000) \u00a0\u00a0 \u00a0 \u00a0 \u00a0 La Sala S\u00e9ptima de Revisi\u00f3n de Tutelas de la Corte Constitucional, integrada por los Magistrados FABIO MORON DIAZ, CRISTINA PARDO SCHLESINGER y ...<br \/><div class=\"pt-cv-rmwrap\"><a href=\"https:\/\/www.dmsjuridica.com\/buscador_20179478954\/corteconstitucionalcronologico202454587\/t-1677-00\/\" class=\"_self pt-cv-readmore btn btn-success\" target=\"_self\">Ver Sentencia Completa...<\/a><\/div><\/div><\/div><\/div>\n<div class=\"col-md-12 col-sm-12 col-xs-12 pt-cv-content-item pt-cv-1-col\" ><div class='pt-cv-ifield'><a href=\"https:\/\/www.dmsjuridica.com\/buscador_20179478954\/corteconstitucionalcronologico202454587\/t-1676-00\/\" class=\"_self pt-cv-href-thumbnail pt-cv-thumb-default\" target=\"_self\" ><\/a>\n<div class=\"pt-cv-taxoterm above_title\"><a href='https:\/\/www.dmsjuridica.com\/buscador_20179478954\/corteconstitucionalcronologico202454587\/category\/buscar-en-toda-la-corte\/2000\/tutelas-2000\/' title='Tutelas 2000' class='pt-cv-tax-tutelas-2000'>Tutelas 2000<\/a><\/div>\n<h4 class=\"pt-cv-title\"><a href=\"https:\/\/www.dmsjuridica.com\/buscador_20179478954\/corteconstitucionalcronologico202454587\/t-1676-00\/\" class=\"_self\" target=\"_self\" >T-1676-00<\/a><\/h4>\n<div class=\"pt-cv-content\">\u00a0 \u00a0 Sentencia T-1676\/00 \u00a0 EDUCACION EN EL ESTADO SOCIAL DE DERECHO \u00a0 EDUCACION-Funci\u00f3n social\/EDUCACION-Derecho deber \u00a0 EDUCACION-Obligaci\u00f3n de la familia \u00a0 ABUSO DEL DERECHO-No pago preferencial de educaci\u00f3n de hijos \u00a0 EDUCACION-Obligaci\u00f3n de la sociedad \u00a0 EDUCACION-Prestaci\u00f3n por particulares y sujeci\u00f3n a reglamentaci\u00f3n legal \u00a0 EDUCACION PRIVADA-Proyecci\u00f3n \u00a0 EDUCACION PRIVADA-Ejercicio y gesti\u00f3n \u00a0 EDUCACION PRIVADA-Equilibrio estructural de las cargas financieras \u00a0 CONTRATO DE EDUCACION PRIVADA-Obligaciones rec\u00edprocas\/EDUCACION PRIVADA-Retribuci\u00f3n econ\u00f3mica como equivalencia a la prestaci\u00f3n del servicio \u00a0 CREDITO EDUCATIVO-Tensi\u00f3n entre los derechos al conocimiento con la retribuci\u00f3n de los educadores y sobrevivencia del colegio \u00a0 DERECHO A LA EDUCACION DEL ...<br \/><div class=\"pt-cv-rmwrap\"><a href=\"https:\/\/www.dmsjuridica.com\/buscador_20179478954\/corteconstitucionalcronologico202454587\/t-1676-00\/\" class=\"_self pt-cv-readmore btn btn-success\" target=\"_self\">Ver Sentencia Completa...<\/a><\/div><\/div><\/div><\/div>\n<div class=\"col-md-12 col-sm-12 col-xs-12 pt-cv-content-item pt-cv-1-col\" ><div class='pt-cv-ifield'><a href=\"https:\/\/www.dmsjuridica.com\/buscador_20179478954\/corteconstitucionalcronologico202454587\/t-1675-00\/\" class=\"_self pt-cv-href-thumbnail pt-cv-thumb-default\" target=\"_self\" ><\/a>\n<div class=\"pt-cv-taxoterm above_title\"><a href='https:\/\/www.dmsjuridica.com\/buscador_20179478954\/corteconstitucionalcronologico202454587\/category\/buscar-en-toda-la-corte\/2000\/tutelas-2000\/' title='Tutelas 2000' class='pt-cv-tax-tutelas-2000'>Tutelas 2000<\/a><\/div>\n<h4 class=\"pt-cv-title\"><a href=\"https:\/\/www.dmsjuridica.com\/buscador_20179478954\/corteconstitucionalcronologico202454587\/t-1675-00\/\" class=\"_self\" target=\"_self\" >T-1675-00<\/a><\/h4>\n<div class=\"pt-cv-content\">\u00a0 \u00a0 Sentencia T-1675\/00 \u00a0 DERECHO DE PETICION-Alcance \u00a0 DERECHO DE PETICION ANTE ORGANIZACIONES PRIVADAS-Improcedencia cuando no act\u00faa como autoridad \u00a0 ENTIDAD FINANCIERA-Autonom\u00eda de voluntad limitada \u00a0 ACTIVIDAD BANCARIA-Es un servicio p\u00fablico \u00a0 ACCION DE TUTELA CONTRA PARTICULARES-Prestaci\u00f3n de servicio p\u00fablico \u00a0 DERECHO DE PETICION FRENTE A ENTIDAD BANCARIA-Repuesta oportuna y de fondo \u00a0 Referencia: expediente T-354382 \u00a0 Acci\u00f3n de tutela instaurada por Henry Aristobulo Alba Barbosa contra MEGABANCO. \u00a0 Magistrado Ponente: \u00a0 Dr. FABIO MORON DIAZ\u00a0 \u00a0 Bogot\u00e1, D.C., diciembre cinco (5) del dos mil (2000) \u00a0\u00a0 \u00a0 \u00a0 \u00a0 La Sala S\u00e9ptima de Revisi\u00f3n de Tutelas de la ...<br \/><div class=\"pt-cv-rmwrap\"><a href=\"https:\/\/www.dmsjuridica.com\/buscador_20179478954\/corteconstitucionalcronologico202454587\/t-1675-00\/\" class=\"_self pt-cv-readmore btn btn-success\" target=\"_self\">Ver Sentencia Completa...<\/a><\/div><\/div><\/div><\/div>\n<div class=\"col-md-12 col-sm-12 col-xs-12 pt-cv-content-item pt-cv-1-col\" ><div class='pt-cv-ifield'><a href=\"https:\/\/www.dmsjuridica.com\/buscador_20179478954\/corteconstitucionalcronologico202454587\/t-1674-00\/\" class=\"_self pt-cv-href-thumbnail pt-cv-thumb-default\" target=\"_self\" ><\/a>\n<div class=\"pt-cv-taxoterm above_title\"><a href='https:\/\/www.dmsjuridica.com\/buscador_20179478954\/corteconstitucionalcronologico202454587\/category\/buscar-en-toda-la-corte\/2000\/tutelas-2000\/' title='Tutelas 2000' class='pt-cv-tax-tutelas-2000'>Tutelas 2000<\/a><\/div>\n<h4 class=\"pt-cv-title\"><a href=\"https:\/\/www.dmsjuridica.com\/buscador_20179478954\/corteconstitucionalcronologico202454587\/t-1674-00\/\" class=\"_self\" target=\"_self\" >T-1674-00<\/a><\/h4>\n<div class=\"pt-cv-content\">\u00a0 \u00a0 Sentencia T-1674\/00 \u00a0 LICENCIA DE MATERNIDAD-Procedencia excepcional de tutela para el pago \u00a0 MADRE COMUNITARIA-Vinculaci\u00f3n a r\u00e9gimen subsidiado\/LICENCIA DE MATERNIDAD DE MADRES COMUNITARIAS-Improcedencia de pago por vinculaci\u00f3n a r\u00e9gimen subsidiado \u00a0 Referencia: expedientes T-354350, T-354752, y T-354753 (Acumulados). \u00a0 Acci\u00f3n de tutela instaurada por Doris Carrillo Villamizar, Amparo Conde Maldonado Y Luz Mercedes Guevara Villamizar contra el I.S.S. Seccional C\u00facuta. \u00a0 Magistrado Ponente: \u00a0 Dr. FABIO MORON DIAZ\u00a0 \u00a0 Bogot\u00e1, D.C., diciembre cinco (5) del dos mil (2000) \u00a0\u00a0 \u00a0 \u00a0 \u00a0 La Sala S\u00e9ptima de Revisi\u00f3n de Tutelas de la Corte Constitucional, integrada por los Magistrados CRISTINA ...<br \/><div class=\"pt-cv-rmwrap\"><a href=\"https:\/\/www.dmsjuridica.com\/buscador_20179478954\/corteconstitucionalcronologico202454587\/t-1674-00\/\" class=\"_self pt-cv-readmore btn btn-success\" target=\"_self\">Ver Sentencia Completa...<\/a><\/div><\/div><\/div><\/div>\n<div class=\"col-md-12 col-sm-12 col-xs-12 pt-cv-content-item pt-cv-1-col\" ><div class='pt-cv-ifield'><a href=\"https:\/\/www.dmsjuridica.com\/buscador_20179478954\/corteconstitucionalcronologico202454587\/t-1673-00\/\" class=\"_self pt-cv-href-thumbnail pt-cv-thumb-default\" target=\"_self\" ><\/a>\n<div class=\"pt-cv-taxoterm above_title\"><a href='https:\/\/www.dmsjuridica.com\/buscador_20179478954\/corteconstitucionalcronologico202454587\/category\/buscar-en-toda-la-corte\/2000\/tutelas-2000\/' title='Tutelas 2000' class='pt-cv-tax-tutelas-2000'>Tutelas 2000<\/a><\/div>\n<h4 class=\"pt-cv-title\"><a href=\"https:\/\/www.dmsjuridica.com\/buscador_20179478954\/corteconstitucionalcronologico202454587\/t-1673-00\/\" class=\"_self\" target=\"_self\" >T-1673-00<\/a><\/h4>\n<div class=\"pt-cv-content\">\u00a0 \u00a0 Sentencia T-1673\/00 \u00a0 ACCION DE TUTELA-Procedencia excepcional pago de acreencias laborales \u00a0 DERECHO AL MINIMO VITAL DEL TRABAJADOR-Pago oportuno de salarios \u00a0 Referencia: expedientes T-354327, T-348940, T-349435, T-352937, T-354785, T-355609, T-357220, T-358715 y T-358742 (Acumulados). \u00a0 Acci\u00f3n de tutela instaurada por Gilma Ramirez Galvez y Otros contra el Hospital de Caldas E.S.E. \u00a0 Magistrado Ponente: \u00a0 Dr. FABIO MORON DIAZ\u00a0 \u00a0 Bogot\u00e1, D.C., diciembre cinco (5) del dos mil (2000) \u00a0\u00a0 \u00a0 \u00a0 \u00a0 La Sala S\u00e9ptima de Revisi\u00f3n de Tutelas de la Corte Constitucional, integrada por los Magistrados CRISTINA PARDO SCHLESINGER (E), ALVARO TAFUR GALVIS y FABIO ...<br \/><div class=\"pt-cv-rmwrap\"><a href=\"https:\/\/www.dmsjuridica.com\/buscador_20179478954\/corteconstitucionalcronologico202454587\/t-1673-00\/\" class=\"_self pt-cv-readmore btn btn-success\" target=\"_self\">Ver Sentencia Completa...<\/a><\/div><\/div><\/div><\/div>\n<div class=\"col-md-12 col-sm-12 col-xs-12 pt-cv-content-item pt-cv-1-col\" ><div class='pt-cv-ifield'><a href=\"https:\/\/www.dmsjuridica.com\/buscador_20179478954\/corteconstitucionalcronologico202454587\/t-1672-00\/\" class=\"_self pt-cv-href-thumbnail pt-cv-thumb-default\" target=\"_self\" ><\/a>\n<div class=\"pt-cv-taxoterm above_title\"><a href='https:\/\/www.dmsjuridica.com\/buscador_20179478954\/corteconstitucionalcronologico202454587\/category\/buscar-en-toda-la-corte\/2000\/tutelas-2000\/' title='Tutelas 2000' class='pt-cv-tax-tutelas-2000'>Tutelas 2000<\/a><\/div>\n<h4 class=\"pt-cv-title\"><a href=\"https:\/\/www.dmsjuridica.com\/buscador_20179478954\/corteconstitucionalcronologico202454587\/t-1672-00\/\" class=\"_self\" target=\"_self\" >T-1672-00<\/a><\/h4>\n<div class=\"pt-cv-content\">\u00a0 \u00a0 Sentencia T-1672\/00 \u00a0 DERECHO DE PETICION-No constituye respuesta estado del tr\u00e1mite de solicitud \u00a0 DERECHO DE PETICION-No constituye respuesta informaci\u00f3n suministrada al juez de tutela \u00a0 Referencia: expediente T-354026 \u00a0 \u00a0 \u00a0 \u00a0 \u00a0 Acci\u00f3n de tutela interpuesta por LUZ MARINA SERRANO contra ISS-Seccional Bogot\u00e1 Cundinamarca. \u00a0 Magistrado Ponente: \u00a0 Dr. FABIO MORON DIAZ\u00a0 \u00a0 Bogot\u00e1, D.C., \u00a0diciembre cinco (5) de dos mil (2000) \u00a0\u00a0 \u00a0 \u00a0 \u00a0 La Sala S\u00e9ptima de Revisi\u00f3n de Tutelas de la Corte Constitucional, integrada por los Magistrados FABIO MORON DIAZ, CRISTINA PARDO SCHLESINGER y ALVARO TAFUR GALVIS, en ejercicio de sus competencias ...<br \/><div class=\"pt-cv-rmwrap\"><a href=\"https:\/\/www.dmsjuridica.com\/buscador_20179478954\/corteconstitucionalcronologico202454587\/t-1672-00\/\" class=\"_self pt-cv-readmore btn btn-success\" target=\"_self\">Ver Sentencia Completa...<\/a><\/div><\/div><\/div><\/div>\n<div class=\"col-md-12 col-sm-12 col-xs-12 pt-cv-content-item pt-cv-1-col\" ><div class='pt-cv-ifield'><a href=\"https:\/\/www.dmsjuridica.com\/buscador_20179478954\/corteconstitucionalcronologico202454587\/t-1671-00\/\" class=\"_self pt-cv-href-thumbnail pt-cv-thumb-default\" target=\"_self\" ><\/a>\n<div class=\"pt-cv-taxoterm above_title\"><a href='https:\/\/www.dmsjuridica.com\/buscador_20179478954\/corteconstitucionalcronologico202454587\/category\/buscar-en-toda-la-corte\/2000\/tutelas-2000\/' title='Tutelas 2000' class='pt-cv-tax-tutelas-2000'>Tutelas 2000<\/a><\/div>\n<h4 class=\"pt-cv-title\"><a href=\"https:\/\/www.dmsjuridica.com\/buscador_20179478954\/corteconstitucionalcronologico202454587\/t-1671-00\/\" class=\"_self\" target=\"_self\" >T-1671-00<\/a><\/h4>\n<div class=\"pt-cv-content\">\u00a0 \u00a0 Sentencia T-1671\/00 \u00a0 DERECHO A LA SALUD DEL DISMINUIDO FISICO Y PSIQUICO-Protecci\u00f3n \u00a0 DISMINUIDO PSIQUICO-Protecci\u00f3n a cargo de sus progenitores cuando est\u00e1n en capacidad de hacerlo \u00a0 Referencia: expediente T- 353 905 \u00a0 Acci\u00f3n de tutela instaurada por Angel Mar\u00eda Mosquera Laverde contra Red Salud IPS S.A. \u00a0 Magistrado Ponente: \u00a0 Dr. FABIO MORON DIAZ \u00a0 Bogot\u00e1 D.C., cinco (5) de diciembre de dos mil (2000). \u00a0 La Sala S\u00e9ptima de Revisi\u00f3n de la Corte Constitucional, en ejercicio de sus competencias constitucionales y legales, espec\u00edficamente las previstas en los art\u00edculos 86 y 241, numeral 9, de la Constituci\u00f3n ...<br \/><div class=\"pt-cv-rmwrap\"><a href=\"https:\/\/www.dmsjuridica.com\/buscador_20179478954\/corteconstitucionalcronologico202454587\/t-1671-00\/\" class=\"_self pt-cv-readmore btn btn-success\" target=\"_self\">Ver Sentencia Completa...<\/a><\/div><\/div><\/div><\/div>\n<div class=\"col-md-12 col-sm-12 col-xs-12 pt-cv-content-item pt-cv-1-col\" ><div class='pt-cv-ifield'><a href=\"https:\/\/www.dmsjuridica.com\/buscador_20179478954\/corteconstitucionalcronologico202454587\/t-1670-00\/\" class=\"_self pt-cv-href-thumbnail pt-cv-thumb-default\" target=\"_self\" ><\/a>\n<div class=\"pt-cv-taxoterm above_title\"><a href='https:\/\/www.dmsjuridica.com\/buscador_20179478954\/corteconstitucionalcronologico202454587\/category\/buscar-en-toda-la-corte\/2000\/tutelas-2000\/' title='Tutelas 2000' class='pt-cv-tax-tutelas-2000'>Tutelas 2000<\/a><\/div>\n<h4 class=\"pt-cv-title\"><a href=\"https:\/\/www.dmsjuridica.com\/buscador_20179478954\/corteconstitucionalcronologico202454587\/t-1670-00\/\" class=\"_self\" target=\"_self\" >T-1670-00<\/a><\/h4>\n<div class=\"pt-cv-content\">\u00a0 \u00a0 Sentencia T-1670\/00 \u00a0 SISTEMA PENITENCIARIO-Ejecuci\u00f3n de la sanci\u00f3n penal \u00a0 El tratamiento penitenciario y en general los lineamientos generales que orientan y estructuran la ejecuci\u00f3n de la sanci\u00f3n penal, son aspectos que la justicia penal deposita en manos del poder ejecutivo para que \u00e9ste \u00faltimo lo administre, supervise y ejecute, conforme a los par\u00e1metros normativos previamente definidos por el legislador. De esta forma, la ejecuci\u00f3n de la sanci\u00f3n penal, que no es otra cosa que la b\u00fasqueda te\u00f3rica y normativa de la resocializaci\u00f3n, es el resultado de la acci\u00f3n conjunta de las tres ramas del poder p\u00fablico: al ...<br \/><div class=\"pt-cv-rmwrap\"><a href=\"https:\/\/www.dmsjuridica.com\/buscador_20179478954\/corteconstitucionalcronologico202454587\/t-1670-00\/\" class=\"_self pt-cv-readmore btn btn-success\" target=\"_self\">Ver Sentencia Completa...<\/a><\/div><\/div><\/div><\/div>\n<div class=\"col-md-12 col-sm-12 col-xs-12 pt-cv-content-item pt-cv-1-col\" ><div class='pt-cv-ifield'><a href=\"https:\/\/www.dmsjuridica.com\/buscador_20179478954\/corteconstitucionalcronologico202454587\/t-167-00\/\" class=\"_self pt-cv-href-thumbnail pt-cv-thumb-default\" target=\"_self\" ><\/a>\n<div class=\"pt-cv-taxoterm above_title\"><a href='https:\/\/www.dmsjuridica.com\/buscador_20179478954\/corteconstitucionalcronologico202454587\/category\/buscar-en-toda-la-corte\/2000\/tutelas-2000\/' title='Tutelas 2000' class='pt-cv-tax-tutelas-2000'>Tutelas 2000<\/a><\/div>\n<h4 class=\"pt-cv-title\"><a href=\"https:\/\/www.dmsjuridica.com\/buscador_20179478954\/corteconstitucionalcronologico202454587\/t-167-00\/\" class=\"_self\" target=\"_self\" >T-167-00<\/a><\/h4>\n<div class=\"pt-cv-content\">\u00a0 \u00a0 Sentencia T-167\/00 \u00a0 ACCION DE TUTELA-Procedencia excepcional pago de acreencias laborales \u00a0 CONCORDATO PREVENTIVO OBLIGATORIO-Pago preferente de salarios y mesadas pensionales\/PROCESO DE LIQUIDACION OBLIGATORIA-Pago preferente de salarios y mesadas pensionales \u00a0 DERECHO AL PAGO OPORTUNO DE LA PENSION-Improcedencia por no acreditar reconocimiento \u00a0 MEDIO DE DEFENSA JUDICIAL-Naturaleza de actas de conciliaci\u00f3n \u00a0 DEBERES DE LA EMPRESA-Archivo que establezca tiempo de servicio \u00a0 MINISTERIO DE TRABAJO Y SEGURIDAD SOCIAL-Inicio ante el Seguro Social de tr\u00e1mites para asumir carga pensional \u00a0 MINISTERIO DE TRABAJO Y SEGURIDAD SOCIAL-Verificaci\u00f3n si en archivos de empresa reposa hoja de vida laboral \u00a0 Referencia: expediente ...<br \/><div class=\"pt-cv-rmwrap\"><a href=\"https:\/\/www.dmsjuridica.com\/buscador_20179478954\/corteconstitucionalcronologico202454587\/t-167-00\/\" class=\"_self pt-cv-readmore btn btn-success\" target=\"_self\">Ver Sentencia Completa...<\/a><\/div><\/div><\/div><\/div>\n<div class=\"col-md-12 col-sm-12 col-xs-12 pt-cv-content-item pt-cv-1-col\" ><div class='pt-cv-ifield'><a href=\"https:\/\/www.dmsjuridica.com\/buscador_20179478954\/corteconstitucionalcronologico202454587\/t-1669-00\/\" class=\"_self pt-cv-href-thumbnail pt-cv-thumb-default\" target=\"_self\" ><\/a>\n<div class=\"pt-cv-taxoterm above_title\"><a href='https:\/\/www.dmsjuridica.com\/buscador_20179478954\/corteconstitucionalcronologico202454587\/category\/buscar-en-toda-la-corte\/2000\/tutelas-2000\/' title='Tutelas 2000' class='pt-cv-tax-tutelas-2000'>Tutelas 2000<\/a><\/div>\n<h4 class=\"pt-cv-title\"><a href=\"https:\/\/www.dmsjuridica.com\/buscador_20179478954\/corteconstitucionalcronologico202454587\/t-1669-00\/\" class=\"_self\" target=\"_self\" >T-1669-00<\/a><\/h4>\n<div class=\"pt-cv-content\">\u00a0 \u00a0 Sentencia T-1669\/00 \u00a0 DERECHO AL PAGO OPORTUNO DEL SALARIO-Fundamental \u00a0 DERECHO AL MINIMO VITAL DEL TRABAJADOR-Pago oportuno de salarios \u00a0 EMPLEADOR-Falta de presupuesto o insolvencia para pago oportuno de salarios no es raz\u00f3n suficiente \u00a0 Reiteraci\u00f3n de la jurisprudencia \u00a0 Referencia: expediente T-360.644 \u00a0 Acci\u00f3n de tutela contra el Hospital Timothy Britton de San Andr\u00e9s Islas por una presunta violaci\u00f3n de los derechos al trabajo y al sustento m\u00ednimo vital. \u00a0 Tema: \u00a0 Protecci\u00f3n constitucional del salario. \u00a0 Actora: Elizabeth Tabares Orozco \u00a0 Magistrado Ponente:\u00a0 \u00a0 Dr. CARLOS GAVIRIA D\u00cdAZ \u00a0 Santaf\u00e9 de Bogot\u00e1 D.C., cinco (5) de ...<br \/><div class=\"pt-cv-rmwrap\"><a href=\"https:\/\/www.dmsjuridica.com\/buscador_20179478954\/corteconstitucionalcronologico202454587\/t-1669-00\/\" class=\"_self pt-cv-readmore btn btn-success\" target=\"_self\">Ver Sentencia Completa...<\/a><\/div><\/div><\/div><\/div>\n<div class=\"col-md-12 col-sm-12 col-xs-12 pt-cv-content-item pt-cv-1-col\" ><div class='pt-cv-ifield'><a href=\"https:\/\/www.dmsjuridica.com\/buscador_20179478954\/corteconstitucionalcronologico202454587\/t-1668-00\/\" class=\"_self pt-cv-href-thumbnail pt-cv-thumb-default\" target=\"_self\" ><\/a>\n<div class=\"pt-cv-taxoterm above_title\"><a href='https:\/\/www.dmsjuridica.com\/buscador_20179478954\/corteconstitucionalcronologico202454587\/category\/buscar-en-toda-la-corte\/2000\/tutelas-2000\/' title='Tutelas 2000' class='pt-cv-tax-tutelas-2000'>Tutelas 2000<\/a><\/div>\n<h4 class=\"pt-cv-title\"><a href=\"https:\/\/www.dmsjuridica.com\/buscador_20179478954\/corteconstitucionalcronologico202454587\/t-1668-00\/\" class=\"_self\" target=\"_self\" >T-1668-00<\/a><\/h4>\n<div class=\"pt-cv-content\">\u00a0 \u00a0 Sentencia T-1668\/00 \u00a0 ENTIDAD PROMOTORA DE SALUD-Pr\u00e1ctica de cirug\u00eda sin cumplir periodo m\u00ednimo de cotizaci\u00f3n \u00a0 ENTIDAD PROMOTORA DE SALUD-Repetici\u00f3n contra el FOSYGA \u00a0 Referencia: expediente T-359.731 \u00a0 Acci\u00f3n de tutela contra FAMISANAR EPS por una presunta violaci\u00f3n de los derechos a la vida en condiciones dignas, la salud y la integridad f\u00edsica. \u00a0 Tema: \u00a0 Per\u00edodos m\u00ednimos de cotizaci\u00f3n. \u00a0 Actora: Mar\u00eda Tulia Tunjano de Caicedo\u00a0 \u00a0 Magistrado Ponente:\u00a0 \u00a0 Dr. CARLOS GAVIRIA D\u00cdAZ \u00a0 Bogot\u00e1 D.C., cinco (5) de diciembre del a\u00f1o dos mil (2000). \u00a0 La Sala Cuarta de Revisi\u00f3n de Tutelas de la Corte ...<br \/><div class=\"pt-cv-rmwrap\"><a href=\"https:\/\/www.dmsjuridica.com\/buscador_20179478954\/corteconstitucionalcronologico202454587\/t-1668-00\/\" class=\"_self pt-cv-readmore btn btn-success\" target=\"_self\">Ver Sentencia Completa...<\/a><\/div><\/div><\/div><\/div>\n<div class=\"col-md-12 col-sm-12 col-xs-12 pt-cv-content-item pt-cv-1-col\" ><div class='pt-cv-ifield'><a href=\"https:\/\/www.dmsjuridica.com\/buscador_20179478954\/corteconstitucionalcronologico202454587\/t-1667-00\/\" class=\"_self pt-cv-href-thumbnail pt-cv-thumb-default\" target=\"_self\" ><\/a>\n<div class=\"pt-cv-taxoterm above_title\"><a href='https:\/\/www.dmsjuridica.com\/buscador_20179478954\/corteconstitucionalcronologico202454587\/category\/buscar-en-toda-la-corte\/2000\/tutelas-2000\/' title='Tutelas 2000' class='pt-cv-tax-tutelas-2000'>Tutelas 2000<\/a><\/div>\n<h4 class=\"pt-cv-title\"><a href=\"https:\/\/www.dmsjuridica.com\/buscador_20179478954\/corteconstitucionalcronologico202454587\/t-1667-00\/\" class=\"_self\" target=\"_self\" >T-1667-00<\/a><\/h4>\n<div class=\"pt-cv-content\">\u00a0 \u00a0 Sentencia T-1667\/00 \u00a0 ACCION DE TUTELA-Improcedencia para sustituir a las autoridades en las competencias asignadas por la Constituci\u00f3n Pol\u00edtica \u00a0 GOBIERNO NACIONAL-Formulaci\u00f3n anual del presupuesto y ley de apropiaciones\/JUEZ DE TUTELA-Imposibilidad de modificar presupuesto para incremento salarial de servidores p\u00fablicos \u00a0 ACCION DE TUTELA TRANSITORIA-Improcedencia incremento salarial para servidores p\u00fablicos \u00a0 Reiteraci\u00f3n de jurisprudencia \u00a0 Referencia: expedientes acumulados T-359192, 359193, 359194, 359230, 359231, 359232, 359233, 359234, 359235, 359236, 359461, 359462, 359466, 359699, 359781, 359786, 359787, 359793, 359881, 359882, 359883, 359884, 359885, 359887, 359888, 359889, 359908, 359961, 360068, 360074, 360113, 360203, 360213, 360366, 360401, 360402, 360403, 360404, 360405, 360419, ...<br \/><div class=\"pt-cv-rmwrap\"><a href=\"https:\/\/www.dmsjuridica.com\/buscador_20179478954\/corteconstitucionalcronologico202454587\/t-1667-00\/\" class=\"_self pt-cv-readmore btn btn-success\" target=\"_self\">Ver Sentencia Completa...<\/a><\/div><\/div><\/div><\/div>\n<div class=\"col-md-12 col-sm-12 col-xs-12 pt-cv-content-item pt-cv-1-col\" ><div class='pt-cv-ifield'><a href=\"https:\/\/www.dmsjuridica.com\/buscador_20179478954\/corteconstitucionalcronologico202454587\/t-1666-00\/\" class=\"_self pt-cv-href-thumbnail pt-cv-thumb-default\" target=\"_self\" ><\/a>\n<div class=\"pt-cv-taxoterm above_title\"><a href='https:\/\/www.dmsjuridica.com\/buscador_20179478954\/corteconstitucionalcronologico202454587\/category\/buscar-en-toda-la-corte\/2000\/tutelas-2000\/' title='Tutelas 2000' class='pt-cv-tax-tutelas-2000'>Tutelas 2000<\/a><\/div>\n<h4 class=\"pt-cv-title\"><a href=\"https:\/\/www.dmsjuridica.com\/buscador_20179478954\/corteconstitucionalcronologico202454587\/t-1666-00\/\" class=\"_self\" target=\"_self\" >T-1666-00<\/a><\/h4>\n<div class=\"pt-cv-content\">\u00a0 \u00a0 Sentencia T-1666\/00 \u00a0 ACCION DE TUTELA CONTRA PARTICULARES-Indefensi\u00f3n \u00a0 CONTAMINACION AUDITIVA-Repique de campanas de iglesia que sobrepasa nivel de presi\u00f3n sonora \u00a0 ACCION DE TUTELA-Tr\u00e1mite policivo no justifica improcedencia \u00a0 DERECHO A LA INTIMIDAD PERSONAL Y FAMILIAR-Injerencia por ruido molesto y evitable de campanas de iglesia \u00a0 DERECHO A LA TRANQUILIDAD-Injerencia por ruido molesto y evitable de campanas de iglesia \u00a0 Referencia: expediente T-356.346 \u00a0 Acci\u00f3n de tutela contra el P\u00e1rroco de la Iglesia del Esp\u00edritu Santo del Barrio la Esperanza de Villavicencio y la Administraci\u00f3n de ese municipio por una presunta violaci\u00f3n de los derechos a la ...<br \/><div class=\"pt-cv-rmwrap\"><a href=\"https:\/\/www.dmsjuridica.com\/buscador_20179478954\/corteconstitucionalcronologico202454587\/t-1666-00\/\" class=\"_self pt-cv-readmore btn btn-success\" target=\"_self\">Ver Sentencia Completa...<\/a><\/div><\/div><\/div><\/div>\n<div class=\"col-md-12 col-sm-12 col-xs-12 pt-cv-content-item pt-cv-1-col\" ><div class='pt-cv-ifield'><a href=\"https:\/\/www.dmsjuridica.com\/buscador_20179478954\/corteconstitucionalcronologico202454587\/t-1665-00\/\" class=\"_self pt-cv-href-thumbnail pt-cv-thumb-default\" target=\"_self\" ><\/a>\n<div class=\"pt-cv-taxoterm above_title\"><a href='https:\/\/www.dmsjuridica.com\/buscador_20179478954\/corteconstitucionalcronologico202454587\/category\/buscar-en-toda-la-corte\/2000\/tutelas-2000\/' title='Tutelas 2000' class='pt-cv-tax-tutelas-2000'>Tutelas 2000<\/a><\/div>\n<h4 class=\"pt-cv-title\"><a href=\"https:\/\/www.dmsjuridica.com\/buscador_20179478954\/corteconstitucionalcronologico202454587\/t-1665-00\/\" class=\"_self\" target=\"_self\" >T-1665-00<\/a><\/h4>\n<div class=\"pt-cv-content\">\u00a0 \u00a0 Sentencia T-1665\/00 \u00a0 ACCION DE TUTELA-Subsidiariedad \u00a0 ACCION DE TUTELA-Improcedencia por concurrir simult\u00e1neamente con recursos legales ordinarios \u00a0 Frente a los pronunciamientos de los \u00f3rganos judiciales, la acci\u00f3n de tutela no puede convertirse en una tercera instancia o en recurso que simult\u00e1nea o adicionalmente se propone para controvertir posturas jur\u00eddicas que resultan contrarias a los intereses que defiende el actor; tal posibilidad desnaturaliza un mecanismo que tiene claras finalidades protectoras en los eventos en los que no existan otros recursos jur\u00eddicos, o los existentes sean claramente insuficientes, y lesiona, de manera grave, un sistema jur\u00eddico que se sustenta ...<br \/><div class=\"pt-cv-rmwrap\"><a href=\"https:\/\/www.dmsjuridica.com\/buscador_20179478954\/corteconstitucionalcronologico202454587\/t-1665-00\/\" class=\"_self pt-cv-readmore btn btn-success\" target=\"_self\">Ver Sentencia Completa...<\/a><\/div><\/div><\/div><\/div>\n<div class=\"col-md-12 col-sm-12 col-xs-12 pt-cv-content-item pt-cv-1-col\" ><div class='pt-cv-ifield'><a href=\"https:\/\/www.dmsjuridica.com\/buscador_20179478954\/corteconstitucionalcronologico202454587\/t-1664-00\/\" class=\"_self pt-cv-href-thumbnail pt-cv-thumb-default\" target=\"_self\" ><\/a>\n<div class=\"pt-cv-taxoterm above_title\"><a href='https:\/\/www.dmsjuridica.com\/buscador_20179478954\/corteconstitucionalcronologico202454587\/category\/buscar-en-toda-la-corte\/2000\/tutelas-2000\/' title='Tutelas 2000' class='pt-cv-tax-tutelas-2000'>Tutelas 2000<\/a><\/div>\n<h4 class=\"pt-cv-title\"><a href=\"https:\/\/www.dmsjuridica.com\/buscador_20179478954\/corteconstitucionalcronologico202454587\/t-1664-00\/\" class=\"_self\" target=\"_self\" >T-1664-00<\/a><\/h4>\n<div class=\"pt-cv-content\">\u00a0 \u00a0 Sentencia T-1664\/00 \u00a0 DERECHO AL MINIMO VITAL DEL TRABAJADOR-Pago oportuno de salarios \u00a0 ACCION DE TUTELA-Hecho superado por pago de acrencias laborales \u00a0 Referencia: expediente T-294370 \u00a0 Acci\u00f3n de tutela instaurada por Eduardo Izquierdo Lorza contra el Alcalde de Pradera - Valle. \u00a0 Magistrado Ponente: \u00a0 Dr. ALEJANDRO MARTINEZ CABALLERO \u00a0 Bogot\u00e1, D.C., a los cuatro (4) d\u00edas del mes de diciembre del a\u00f1o dos mil (2000). \u00a0\u00a0 \u00a0 La Sala Sexta de Revisi\u00f3n de Tutelas de la Corte Constitucional, en ejercicio de sus competencias constitucionales y legales, ha proferido la siguiente \u00a0 SENTENCIA \u00a0 dentro del proceso ...<br \/><div class=\"pt-cv-rmwrap\"><a href=\"https:\/\/www.dmsjuridica.com\/buscador_20179478954\/corteconstitucionalcronologico202454587\/t-1664-00\/\" class=\"_self pt-cv-readmore btn btn-success\" target=\"_self\">Ver Sentencia Completa...<\/a><\/div><\/div><\/div><\/div>\n<div class=\"col-md-12 col-sm-12 col-xs-12 pt-cv-content-item pt-cv-1-col\" ><div class='pt-cv-ifield'><a href=\"https:\/\/www.dmsjuridica.com\/buscador_20179478954\/corteconstitucionalcronologico202454587\/t-1663-00\/\" class=\"_self pt-cv-href-thumbnail pt-cv-thumb-default\" target=\"_self\" ><\/a>\n<div class=\"pt-cv-taxoterm above_title\"><a href='https:\/\/www.dmsjuridica.com\/buscador_20179478954\/corteconstitucionalcronologico202454587\/category\/buscar-en-toda-la-corte\/2000\/tutelas-2000\/' title='Tutelas 2000' class='pt-cv-tax-tutelas-2000'>Tutelas 2000<\/a><\/div>\n<h4 class=\"pt-cv-title\"><a href=\"https:\/\/www.dmsjuridica.com\/buscador_20179478954\/corteconstitucionalcronologico202454587\/t-1663-00\/\" class=\"_self\" target=\"_self\" >T-1663-00<\/a><\/h4>\n<div class=\"pt-cv-content\">\u00a0 \u00a0 \u00a0 \u00a0 Sentencia T-1663\/00 \u00a0 DERECHO A LA SALUD DEL MENOR-No se pueden oponer periodos m\u00ednimos de cotizaci\u00f3n ante situaciones de urgencia \u00a0 ENTIDAD PROMOTORA DE SALUD-Cirug\u00eda de urgencia a menor sin cumplir periodo m\u00ednimo de cotizaci\u00f3n \u00a0 Referencia: expediente T-387182 \u00a0 Peticionario: Mar\u00eda Nubia P\u00e9rez de Hoyos \u00a0 Magistrado Ponente:\u00a0 \u00a0 Dr. ALFREDO BELTR\u00c1N SIERRA. \u00a0 Bogot\u00e1, D.C., noviembre treinta (30) de dos mil (2000). \u00a0 La Sala Segunda de Revisi\u00f3n de la Corte Constitucional, integrada por los magistrados, Alfredo Beltr\u00e1n Sierra, Carlos Gaviria D\u00edaz y Martha S\u00e1chica de Moncaleano (e), en ejercicio de sus competencias constitucionales ...<br \/><div class=\"pt-cv-rmwrap\"><a href=\"https:\/\/www.dmsjuridica.com\/buscador_20179478954\/corteconstitucionalcronologico202454587\/t-1663-00\/\" class=\"_self pt-cv-readmore btn btn-success\" target=\"_self\">Ver Sentencia Completa...<\/a><\/div><\/div><\/div><\/div>\n<div class=\"col-md-12 col-sm-12 col-xs-12 pt-cv-content-item pt-cv-1-col\" ><div class='pt-cv-ifield'><a href=\"https:\/\/www.dmsjuridica.com\/buscador_20179478954\/corteconstitucionalcronologico202454587\/t-1662-00\/\" class=\"_self pt-cv-href-thumbnail pt-cv-thumb-default\" target=\"_self\" ><\/a>\n<div class=\"pt-cv-taxoterm above_title\"><a href='https:\/\/www.dmsjuridica.com\/buscador_20179478954\/corteconstitucionalcronologico202454587\/category\/buscar-en-toda-la-corte\/2000\/tutelas-2000\/' title='Tutelas 2000' class='pt-cv-tax-tutelas-2000'>Tutelas 2000<\/a><\/div>\n<h4 class=\"pt-cv-title\"><a href=\"https:\/\/www.dmsjuridica.com\/buscador_20179478954\/corteconstitucionalcronologico202454587\/t-1662-00\/\" class=\"_self\" target=\"_self\" >T-1662-00<\/a><\/h4>\n<div class=\"pt-cv-content\">\u00a0 \u00a0 Sentencia T-1662\/00\u00a0 \u00a0 DERECHO A LA VIDA-Inexistencia de afectaci\u00f3n por no suministro de aud\u00edfonos \u00a0 Referencia: expediente T-385.288 \u00a0 Acci\u00f3n de tutela instaurada por In\u00e9s de Jes\u00fas Ram\u00edrez Sierra contra Cafesalud E.P.S. \u00a0 Magistrado Ponente:\u00a0 \u00a0 Dr. ALFREDO BELTR\u00c1N SIERRA. \u00a0 Bogot\u00e1, D.C., a los treinta (30) d\u00edas del mes de noviembre del a\u00f1o dos mil (2.000). \u00a0 La Sala Segunda de Revisi\u00f3n de la Corte Constitucional, en ejercicio de sus competencias constitucionales y legales, ha proferido la siguiente\u00a0 \u00a0 SENTENCIA\u00a0 \u00a0 en el proceso de revisi\u00f3n del fallo adoptado por el Tribunal Superior de Antioquia, Sala Civil, ...<br \/><div class=\"pt-cv-rmwrap\"><a href=\"https:\/\/www.dmsjuridica.com\/buscador_20179478954\/corteconstitucionalcronologico202454587\/t-1662-00\/\" class=\"_self pt-cv-readmore btn btn-success\" target=\"_self\">Ver Sentencia Completa...<\/a><\/div><\/div><\/div><\/div>\n<div class=\"col-md-12 col-sm-12 col-xs-12 pt-cv-content-item pt-cv-1-col\" ><div class='pt-cv-ifield'><a href=\"https:\/\/www.dmsjuridica.com\/buscador_20179478954\/corteconstitucionalcronologico202454587\/t-1661-00\/\" class=\"_self pt-cv-href-thumbnail pt-cv-thumb-default\" target=\"_self\" ><\/a>\n<div class=\"pt-cv-taxoterm above_title\"><a href='https:\/\/www.dmsjuridica.com\/buscador_20179478954\/corteconstitucionalcronologico202454587\/category\/buscar-en-toda-la-corte\/2000\/tutelas-2000\/' title='Tutelas 2000' class='pt-cv-tax-tutelas-2000'>Tutelas 2000<\/a><\/div>\n<h4 class=\"pt-cv-title\"><a href=\"https:\/\/www.dmsjuridica.com\/buscador_20179478954\/corteconstitucionalcronologico202454587\/t-1661-00\/\" class=\"_self\" target=\"_self\" >T-1661-00<\/a><\/h4>\n<div class=\"pt-cv-content\">\u00a0 \u00a0 Sentencia T-1661\/00 \u00a0 DEBIDO PROCESO-Decomiso de veh\u00edculo\/DEBIDO PROCESO-No vulneraci\u00f3n por no interposici\u00f3n de recurso en tiempo \u00a0 ACCION DE TUTELA-Improcedencia para revivir t\u00e9rminos ejecutoriados \u00a0 En aras del debido proceso que consagra la Constituci\u00f3n Pol\u00edtica y, que con tanto celo ha protegido la jurisprudencia constitucional, los sujetos procesales se encuentran en la obligaci\u00f3n de actuar con lealtad, sujet\u00e1ndose a los l\u00edmites impuestos por la regulaci\u00f3n jur\u00eddica. Por ello, el actor teniendo en cuenta que ha contado con todas las oportunidades para ser escuchado y, para aportar las pruebas que considere pertinentes para probar su derecho, no puede, aduciendo ...<br \/><div class=\"pt-cv-rmwrap\"><a href=\"https:\/\/www.dmsjuridica.com\/buscador_20179478954\/corteconstitucionalcronologico202454587\/t-1661-00\/\" class=\"_self pt-cv-readmore btn btn-success\" target=\"_self\">Ver Sentencia Completa...<\/a><\/div><\/div><\/div><\/div>\n<div class=\"col-md-12 col-sm-12 col-xs-12 pt-cv-content-item pt-cv-1-col\" ><div class='pt-cv-ifield'><a href=\"https:\/\/www.dmsjuridica.com\/buscador_20179478954\/corteconstitucionalcronologico202454587\/t-1660-00\/\" class=\"_self pt-cv-href-thumbnail pt-cv-thumb-default\" target=\"_self\" ><\/a>\n<div class=\"pt-cv-taxoterm above_title\"><a href='https:\/\/www.dmsjuridica.com\/buscador_20179478954\/corteconstitucionalcronologico202454587\/category\/buscar-en-toda-la-corte\/2000\/tutelas-2000\/' title='Tutelas 2000' class='pt-cv-tax-tutelas-2000'>Tutelas 2000<\/a><\/div>\n<h4 class=\"pt-cv-title\"><a href=\"https:\/\/www.dmsjuridica.com\/buscador_20179478954\/corteconstitucionalcronologico202454587\/t-1660-00\/\" class=\"_self\" target=\"_self\" >T-1660-00<\/a><\/h4>\n<div class=\"pt-cv-content\">\u00a0 \u00a0 Sentencia T-1660\/00 \u00a0 DERECHO DE PETICION-N\u00facleo esencial\/DERECHO DE PETICION-Pronta resoluci\u00f3n \u00a0 Referencia: expediente T-381.363 \u00a0 Acci\u00f3n de tutela instaurada por Carlos Adolfo Ara\u00fajo Escorcia contra el Instituto Colombiano de la Reforma Agraria, Incora. \u00a0 Magistrado ponente :\u00a0 \u00a0 Dr. ALFREDO BELTR\u00c1N SIERRA. \u00a0 Bogot\u00e1, D.C., a los treinta (30) d\u00edas del mes de noviembre del a\u00f1o dos mil (2.000). \u00a0 La Sala Segunda de Revisi\u00f3n de la Corte Constitucional, en ejercicio de sus competencias constitucionales y legales, ha proferido la siguiente\u00a0 \u00a0 SENTENCIA\u00a0 \u00a0 en el proceso de revisi\u00f3n del fallo adoptado por el Tribunal Superior del Distrito ...<br \/><div class=\"pt-cv-rmwrap\"><a href=\"https:\/\/www.dmsjuridica.com\/buscador_20179478954\/corteconstitucionalcronologico202454587\/t-1660-00\/\" class=\"_self pt-cv-readmore btn btn-success\" target=\"_self\">Ver Sentencia Completa...<\/a><\/div><\/div><\/div><\/div>\n<div class=\"col-md-12 col-sm-12 col-xs-12 pt-cv-content-item pt-cv-1-col\" ><div class='pt-cv-ifield'><a href=\"https:\/\/www.dmsjuridica.com\/buscador_20179478954\/corteconstitucionalcronologico202454587\/t-166-00\/\" class=\"_self pt-cv-href-thumbnail pt-cv-thumb-default\" target=\"_self\" ><\/a>\n<div class=\"pt-cv-taxoterm above_title\"><a href='https:\/\/www.dmsjuridica.com\/buscador_20179478954\/corteconstitucionalcronologico202454587\/category\/buscar-en-toda-la-corte\/2000\/tutelas-2000\/' title='Tutelas 2000' class='pt-cv-tax-tutelas-2000'>Tutelas 2000<\/a><\/div>\n<h4 class=\"pt-cv-title\"><a href=\"https:\/\/www.dmsjuridica.com\/buscador_20179478954\/corteconstitucionalcronologico202454587\/t-166-00\/\" class=\"_self\" target=\"_self\" >T-166-00<\/a><\/h4>\n<div class=\"pt-cv-content\">\u00a0 \u00a0 Sentencia T-166\/00 \u00a0 DEBIDO PROCESO DE TUTELA-Notificaci\u00f3n de tercero interesado \u00a0 DEBIDO PROCESO-Alcance \u00a0 El debido proceso est\u00e1 consagrado en la Constituci\u00f3n Pol\u00edtica dentro del rango de los derechos fundamentales. Siguiendo la profusa jurisprudencia de la Corte Constitucional sobre la materia, puede afirmarse que \u00a0parte de su contenido esencial reside en la premisa seg\u00fan la cual las decisiones judiciales y administrativas deben estar cimentadas tanto en los principios constitucionales como en las previsiones legales y reglamentarias, de tal modo que la resoluci\u00f3n de los conflictos particulares o la definici\u00f3n de los derechos individuales, no queden al arbitrio del ...<br \/><div class=\"pt-cv-rmwrap\"><a href=\"https:\/\/www.dmsjuridica.com\/buscador_20179478954\/corteconstitucionalcronologico202454587\/t-166-00\/\" class=\"_self pt-cv-readmore btn btn-success\" target=\"_self\">Ver Sentencia Completa...<\/a><\/div><\/div><\/div><\/div>\n<div class=\"col-md-12 col-sm-12 col-xs-12 pt-cv-content-item pt-cv-1-col\" ><div class='pt-cv-ifield'><a href=\"https:\/\/www.dmsjuridica.com\/buscador_20179478954\/corteconstitucionalcronologico202454587\/t-1659-00\/\" class=\"_self pt-cv-href-thumbnail pt-cv-thumb-default\" target=\"_self\" ><\/a>\n<div class=\"pt-cv-taxoterm above_title\"><a href='https:\/\/www.dmsjuridica.com\/buscador_20179478954\/corteconstitucionalcronologico202454587\/category\/buscar-en-toda-la-corte\/2000\/tutelas-2000\/' title='Tutelas 2000' class='pt-cv-tax-tutelas-2000'>Tutelas 2000<\/a><\/div>\n<h4 class=\"pt-cv-title\"><a href=\"https:\/\/www.dmsjuridica.com\/buscador_20179478954\/corteconstitucionalcronologico202454587\/t-1659-00\/\" class=\"_self\" target=\"_self\" >T-1659-00<\/a><\/h4>\n<div class=\"pt-cv-content\">\u00a0 \u00a0 Sentencia\u00a0 T-1659\/00 \u00a0 ACCION DE TUTELA-Improcedencia general pago de acreencias laborales \u00a0 MEDIO DE DEFENSA JUDICIAL-Pago de salarios y dem\u00e1s acreencias laborales atrasadas \u00a0 Referencia: expediente T-376.933 \u00a0 Acci\u00f3n de tutela de Virginia Mosquera Mosquera contra el Municipio de Istmina -Choc\u00f3-. \u00a0 Procedencia: Tribunal Superior del Distrito de Quibd\u00f3, Sala Civil, Familia, Laboral.\u00a0 \u00a0 Magistrado Ponente:\u00a0 \u00a0 Dr. ALFREDO BELTR\u00c1N SIERRA. \u00a0 Sentencia aprobada en Bogot\u00e1, en sesi\u00f3n del treinta (30) de noviembre de dos mil (2000). \u00a0 La Sala Segunda (2a.) de Revisi\u00f3n de la Corte Constitucional, integrada por los magistrados Alfredo Beltr\u00e1n Sierra, Carlos Gaviria D\u00edaz ...<br \/><div class=\"pt-cv-rmwrap\"><a href=\"https:\/\/www.dmsjuridica.com\/buscador_20179478954\/corteconstitucionalcronologico202454587\/t-1659-00\/\" class=\"_self pt-cv-readmore btn btn-success\" target=\"_self\">Ver Sentencia Completa...<\/a><\/div><\/div><\/div><\/div>\n<div class=\"col-md-12 col-sm-12 col-xs-12 pt-cv-content-item pt-cv-1-col\" ><div class='pt-cv-ifield'><a href=\"https:\/\/www.dmsjuridica.com\/buscador_20179478954\/corteconstitucionalcronologico202454587\/t-1658-00\/\" class=\"_self pt-cv-href-thumbnail pt-cv-thumb-default\" target=\"_self\" ><\/a>\n<div class=\"pt-cv-taxoterm above_title\"><a href='https:\/\/www.dmsjuridica.com\/buscador_20179478954\/corteconstitucionalcronologico202454587\/category\/buscar-en-toda-la-corte\/2000\/tutelas-2000\/' title='Tutelas 2000' class='pt-cv-tax-tutelas-2000'>Tutelas 2000<\/a><\/div>\n<h4 class=\"pt-cv-title\"><a href=\"https:\/\/www.dmsjuridica.com\/buscador_20179478954\/corteconstitucionalcronologico202454587\/t-1658-00\/\" class=\"_self\" target=\"_self\" >T-1658-00<\/a><\/h4>\n<div class=\"pt-cv-content\">\u00a0 \u00a0 Sentencia T-1658\/00 \u00a0 PERSONA JURIDICA-Titularidad de derechos fundamentales\/SINDICATO-Legitimaci\u00f3n para interponer tutela \u00a0 ACCION DE TUTELA CONTRA PARTICULARES-Subordinaci\u00f3n \u00a0 DERECHO DE ASOCIACION SINDICAL-Garant\u00edas y derechos que hacen viable su gesti\u00f3n\/PERMISO SINDICAL-Alcance \u00a0 PERMISO SINDICAL-No es posible negarse sin justificaci\u00f3n objetiva y razonable \u00a0 Entre las atribuciones \u201cprivativas e indelegables\u201d de la Asamblea General de Delegatarios, se encuentra entre otras, la modificaci\u00f3n de los estatutos, objeto para el cual fue convocada extraordinariamente, como se dijo y, para el cual fue solicitado el permiso por parte de la organizaci\u00f3n sindical demandante. Resulta entonces, que la asistencia de los delegatarios a la ...<br \/><div class=\"pt-cv-rmwrap\"><a href=\"https:\/\/www.dmsjuridica.com\/buscador_20179478954\/corteconstitucionalcronologico202454587\/t-1658-00\/\" class=\"_self pt-cv-readmore btn btn-success\" target=\"_self\">Ver Sentencia Completa...<\/a><\/div><\/div><\/div><\/div>\n<div class=\"col-md-12 col-sm-12 col-xs-12 pt-cv-content-item pt-cv-1-col\" ><div class='pt-cv-ifield'><a href=\"https:\/\/www.dmsjuridica.com\/buscador_20179478954\/corteconstitucionalcronologico202454587\/t-1657-00\/\" class=\"_self pt-cv-href-thumbnail pt-cv-thumb-default\" target=\"_self\" ><\/a>\n<div class=\"pt-cv-taxoterm above_title\"><a href='https:\/\/www.dmsjuridica.com\/buscador_20179478954\/corteconstitucionalcronologico202454587\/category\/buscar-en-toda-la-corte\/2000\/tutelas-2000\/' title='Tutelas 2000' class='pt-cv-tax-tutelas-2000'>Tutelas 2000<\/a><\/div>\n<h4 class=\"pt-cv-title\"><a href=\"https:\/\/www.dmsjuridica.com\/buscador_20179478954\/corteconstitucionalcronologico202454587\/t-1657-00\/\" class=\"_self\" target=\"_self\" >T-1657-00<\/a><\/h4>\n<div class=\"pt-cv-content\">\u00a0 \u00a0 Sentencia T-1657\/00 \u00a0 FALTA DE LEGITIMACION POR ACTIVA EN TUTELA-Presentaci\u00f3n a nombre del c\u00f3nyuge \u00a0 CONSENTIMIENTO DEL PACIENTE-Intervenci\u00f3n quir\u00fargica para implante de v\u00e1lvula \u00a0 Referencia: expediente T-375.282 \u00a0 Acci\u00f3n de tutela instaurada por Roc\u00edo Chica de Molina contra Coomeva E.P.S. \u00a0 Magistrado ponente: \u00a0 Dr. ALFREDO BELTR\u00c1N SIERRA. \u00a0 Bogot\u00e1, D.C., a los treinta (30) d\u00edas del mes de noviembre \u00a0del a\u00f1o dos mil (2.000). \u00a0 La Sala Segunda de Revisi\u00f3n de la Corte Constitucional, en ejercicio de sus competencias constitucionales y legales, ha proferido la siguiente\u00a0 \u00a0 SENTENCIA\u00a0 \u00a0 en el proceso de revisi\u00f3n del fallo adoptado ...<br \/><div class=\"pt-cv-rmwrap\"><a href=\"https:\/\/www.dmsjuridica.com\/buscador_20179478954\/corteconstitucionalcronologico202454587\/t-1657-00\/\" class=\"_self pt-cv-readmore btn btn-success\" target=\"_self\">Ver Sentencia Completa...<\/a><\/div><\/div><\/div><\/div>\n<div class=\"col-md-12 col-sm-12 col-xs-12 pt-cv-content-item pt-cv-1-col\" ><div class='pt-cv-ifield'><a href=\"https:\/\/www.dmsjuridica.com\/buscador_20179478954\/corteconstitucionalcronologico202454587\/t-1656-00\/\" class=\"_self pt-cv-href-thumbnail pt-cv-thumb-default\" target=\"_self\" ><\/a>\n<div class=\"pt-cv-taxoterm above_title\"><a href='https:\/\/www.dmsjuridica.com\/buscador_20179478954\/corteconstitucionalcronologico202454587\/category\/buscar-en-toda-la-corte\/2000\/tutelas-2000\/' title='Tutelas 2000' class='pt-cv-tax-tutelas-2000'>Tutelas 2000<\/a><\/div>\n<h4 class=\"pt-cv-title\"><a href=\"https:\/\/www.dmsjuridica.com\/buscador_20179478954\/corteconstitucionalcronologico202454587\/t-1656-00\/\" class=\"_self\" target=\"_self\" >T-1656-00<\/a><\/h4>\n<div class=\"pt-cv-content\">\u00a0 \u00a0 Sentencia T-1656\/00 \u00a0 FISCALIA GENERAL DE LA NACION-Discrecionalidad en ordenar traslado por necesidades del servicio \u00a0 MEDIO DE DEFENSA JUDICIAL-Acto administrativo que ordena traslado \u00a0 ACCION DE TUTELA TRANSITORIA-Traslado de fiscal amenazado\/DERECHO A LA VIDA-Traslado de fiscal amenazado \u00a0 Referencia: expediente T-361.578 \u00a0 Actor: Wiston de Jes\u00fas Araujo Ram\u00edrez en contra de la Direcci\u00f3n Seccional de Fiscal\u00edas y la Direcci\u00f3n Seccional Administrativa y Financiera de la Fiscal\u00eda de Valledupar. \u00a0 Procedencia:\u00a0 \u00a0 \u00a0 \u00a0 \u00a0Corte Suprema de Justicia -Sala de Casaci\u00f3n Laboral- \u00a0 Magistrado Ponente:\u00a0 \u00a0 Dr. ALFREDO BELTR\u00c1N SIERRA \u00a0 Sentencia aprobada en Bogot\u00e1 D.C., a los ...<br \/><div class=\"pt-cv-rmwrap\"><a href=\"https:\/\/www.dmsjuridica.com\/buscador_20179478954\/corteconstitucionalcronologico202454587\/t-1656-00\/\" class=\"_self pt-cv-readmore btn btn-success\" target=\"_self\">Ver Sentencia Completa...<\/a><\/div><\/div><\/div><\/div>\n<div class=\"col-md-12 col-sm-12 col-xs-12 pt-cv-content-item pt-cv-1-col\" ><div class='pt-cv-ifield'><a href=\"https:\/\/www.dmsjuridica.com\/buscador_20179478954\/corteconstitucionalcronologico202454587\/t-1655-00\/\" class=\"_self pt-cv-href-thumbnail pt-cv-thumb-default\" target=\"_self\" ><\/a>\n<div class=\"pt-cv-taxoterm above_title\"><a href='https:\/\/www.dmsjuridica.com\/buscador_20179478954\/corteconstitucionalcronologico202454587\/category\/buscar-en-toda-la-corte\/2000\/tutelas-2000\/' title='Tutelas 2000' class='pt-cv-tax-tutelas-2000'>Tutelas 2000<\/a><\/div>\n<h4 class=\"pt-cv-title\"><a href=\"https:\/\/www.dmsjuridica.com\/buscador_20179478954\/corteconstitucionalcronologico202454587\/t-1655-00\/\" class=\"_self\" target=\"_self\" >T-1655-00<\/a><\/h4>\n<div class=\"pt-cv-content\">\u00a0 \u00a0 Sentencia T-1655\/00 \u00a0 ACCION DE TUTELA-Improcedencia por no existir derecho reconocido y cierto \u00a0 Para el adecuado empleo de la acci\u00f3n de tutela por parte de todos los administrados, se ha de tener en cuenta que se parte de la existencia de un derecho reconocido, respecto del cual la persona tienen unos privilegios y unas garant\u00edas que puede hacer cumplir, ya sea con el simple ejercicio del mismo, o mediante el empleo de las v\u00edas judiciales que para el efecto ha establecido el legislador. Sin embargo, no sucede lo mismo cuando el derecho respecto del cual se reclama ...<br \/><div class=\"pt-cv-rmwrap\"><a href=\"https:\/\/www.dmsjuridica.com\/buscador_20179478954\/corteconstitucionalcronologico202454587\/t-1655-00\/\" class=\"_self pt-cv-readmore btn btn-success\" target=\"_self\">Ver Sentencia Completa...<\/a><\/div><\/div><\/div><\/div>\n<div class=\"col-md-12 col-sm-12 col-xs-12 pt-cv-content-item pt-cv-1-col\" ><div class='pt-cv-ifield'><a href=\"https:\/\/www.dmsjuridica.com\/buscador_20179478954\/corteconstitucionalcronologico202454587\/t-1654-00\/\" class=\"_self pt-cv-href-thumbnail pt-cv-thumb-default\" target=\"_self\" ><\/a>\n<div class=\"pt-cv-taxoterm above_title\"><a href='https:\/\/www.dmsjuridica.com\/buscador_20179478954\/corteconstitucionalcronologico202454587\/category\/buscar-en-toda-la-corte\/2000\/tutelas-2000\/' title='Tutelas 2000' class='pt-cv-tax-tutelas-2000'>Tutelas 2000<\/a><\/div>\n<h4 class=\"pt-cv-title\"><a href=\"https:\/\/www.dmsjuridica.com\/buscador_20179478954\/corteconstitucionalcronologico202454587\/t-1654-00\/\" class=\"_self\" target=\"_self\" >T-1654-00<\/a><\/h4>\n<div class=\"pt-cv-content\">\u00a0 \u00a0 Sentencia T-1654\/00 \u00a0 ACCION DE TUTELA-Hecho superado \u00a0 Reiteraci\u00f3n de Jurisprudencia \u00a0 Referencia: expediente T-350702 \u00a0 Acci\u00f3n de tutela instaurada por Iv\u00e1n Caicedo Urue\u00f1a contra el Gerente General de la Federaci\u00f3n Nacional de Cafeteros. \u00a0 Magistrado Ponente: \u00a0 Dr. FABIO MOR\u00d3N D\u00cdAZ \u00a0 Bogot\u00e1 D.C., a los veintinueve (29) d\u00edas del mes de noviembre de dos mil (2000). \u00a0 La Sala S\u00e9ptima de Revisi\u00f3n de la Corte Constitucional, integrada por los Magistrados CRISTINA PARDO SCHLESINGER, ALVARO TAFUR GALVIS y FABIO MOR\u00d3N D\u00cdAZ, en ejercicio de sus competencias constitucionales y legales, ha proferido la siguiente, \u00a0 SENTENCIA \u00a0 dentro ...<br \/><div class=\"pt-cv-rmwrap\"><a href=\"https:\/\/www.dmsjuridica.com\/buscador_20179478954\/corteconstitucionalcronologico202454587\/t-1654-00\/\" class=\"_self pt-cv-readmore btn btn-success\" target=\"_self\">Ver Sentencia Completa...<\/a><\/div><\/div><\/div><\/div>\n<div class=\"col-md-12 col-sm-12 col-xs-12 pt-cv-content-item pt-cv-1-col\" ><div class='pt-cv-ifield'><a href=\"https:\/\/www.dmsjuridica.com\/buscador_20179478954\/corteconstitucionalcronologico202454587\/t-1653-00\/\" class=\"_self pt-cv-href-thumbnail pt-cv-thumb-default\" target=\"_self\" ><\/a>\n<div class=\"pt-cv-taxoterm above_title\"><a href='https:\/\/www.dmsjuridica.com\/buscador_20179478954\/corteconstitucionalcronologico202454587\/category\/buscar-en-toda-la-corte\/2000\/tutelas-2000\/' title='Tutelas 2000' class='pt-cv-tax-tutelas-2000'>Tutelas 2000<\/a><\/div>\n<h4 class=\"pt-cv-title\"><a href=\"https:\/\/www.dmsjuridica.com\/buscador_20179478954\/corteconstitucionalcronologico202454587\/t-1653-00\/\" class=\"_self\" target=\"_self\" >T-1653-00<\/a><\/h4>\n<div class=\"pt-cv-content\">\u00a0 \u00a0 Sentencia T-1653\/00 \u00a0 DERECHO DE PETICION-Respuesta oportuna y de fondo \u00a0 DERECHO DE PETICION-Alcance \u00a0 Referencia: expediente T-350278 \u00a0 Acci\u00f3n de tutela instaurada por Jos\u00e9 Mar\u00eda Torres Ciceri contra el Jefe de la Oficina de Bonos Pensionales del Ministerio de Hacienda y Cr\u00e9dito P\u00fablico. \u00a0 Magistrado Ponente: \u00a0 Dr. FABIO MOR\u00d3N D\u00cdAZ \u00a0 Bogot\u00e1 D.C., a los veintinueve (29) d\u00edas del mes de noviembre de dos mil (2000). \u00a0 La Sala S\u00e9ptima de Revisi\u00f3n de la Corte Constitucional, integrada por los Magistrados CRISTINA PARDO SCHLESINGER, ALVARO TAFUR GALVIS y FABIO MOR\u00d3N D\u00cdAZ, en ejercicio de sus competencias constitucionales ...<br \/><div class=\"pt-cv-rmwrap\"><a href=\"https:\/\/www.dmsjuridica.com\/buscador_20179478954\/corteconstitucionalcronologico202454587\/t-1653-00\/\" class=\"_self pt-cv-readmore btn btn-success\" target=\"_self\">Ver Sentencia Completa...<\/a><\/div><\/div><\/div><\/div>\n<div class=\"col-md-12 col-sm-12 col-xs-12 pt-cv-content-item pt-cv-1-col\" ><div class='pt-cv-ifield'><a href=\"https:\/\/www.dmsjuridica.com\/buscador_20179478954\/corteconstitucionalcronologico202454587\/t-1652-00\/\" class=\"_self pt-cv-href-thumbnail pt-cv-thumb-default\" target=\"_self\" ><\/a>\n<div class=\"pt-cv-taxoterm above_title\"><a href='https:\/\/www.dmsjuridica.com\/buscador_20179478954\/corteconstitucionalcronologico202454587\/category\/buscar-en-toda-la-corte\/2000\/tutelas-2000\/' title='Tutelas 2000' class='pt-cv-tax-tutelas-2000'>Tutelas 2000<\/a><\/div>\n<h4 class=\"pt-cv-title\"><a href=\"https:\/\/www.dmsjuridica.com\/buscador_20179478954\/corteconstitucionalcronologico202454587\/t-1652-00\/\" class=\"_self\" target=\"_self\" >T-1652-00<\/a><\/h4>\n<div class=\"pt-cv-content\">MINIMO VITAL-No afectaci\u00f3n para el caso por existencia comprobada de otra fuente de ingresos \u00a0 Reiteraci\u00f3n de Jurisprudencia \u00a0 Referencia: expediente T-350214 \u00a0 Acci\u00f3n de tutela instaurada por Gladys Estela Guerra Gonz\u00e1lez contra el Alcalde y Tesorero Municipal de Puerto Libertador (C\u00f3rdoba). \u00a0 Magistrado ponente: \u00a0 Dr. FABIO MOR\u00d3N D\u00cdAZ \u00a0 Bogot\u00e1 D.C., a los veintinueve (29) d\u00edas del mes de noviembre de dos mil (2000). \u00a0 La Sala S\u00e9ptima de Revisi\u00f3n de la Corte Constitucional, integrada por los Magistrados CRISTINA PARDO SCHLESINGER, ALVARO TAFUR GALVIS y FABIO MOR\u00d3N D\u00cdAZ, en ejercicio de sus competencias constitucionales y legales, ha proferido ...<br \/><div class=\"pt-cv-rmwrap\"><a href=\"https:\/\/www.dmsjuridica.com\/buscador_20179478954\/corteconstitucionalcronologico202454587\/t-1652-00\/\" class=\"_self pt-cv-readmore btn btn-success\" target=\"_self\">Ver Sentencia Completa...<\/a><\/div><\/div><\/div><\/div>\n<div class=\"col-md-12 col-sm-12 col-xs-12 pt-cv-content-item pt-cv-1-col\" ><div class='pt-cv-ifield'><a href=\"https:\/\/www.dmsjuridica.com\/buscador_20179478954\/corteconstitucionalcronologico202454587\/t-1651-00\/\" class=\"_self pt-cv-href-thumbnail pt-cv-thumb-default\" target=\"_self\" ><\/a>\n<div class=\"pt-cv-taxoterm above_title\"><a href='https:\/\/www.dmsjuridica.com\/buscador_20179478954\/corteconstitucionalcronologico202454587\/category\/buscar-en-toda-la-corte\/2000\/tutelas-2000\/' title='Tutelas 2000' class='pt-cv-tax-tutelas-2000'>Tutelas 2000<\/a><\/div>\n<h4 class=\"pt-cv-title\"><a href=\"https:\/\/www.dmsjuridica.com\/buscador_20179478954\/corteconstitucionalcronologico202454587\/t-1651-00\/\" class=\"_self\" target=\"_self\" >T-1651-00<\/a><\/h4>\n<div class=\"pt-cv-content\">\u00a0 \u00a0 Sentencia T-1651\/00 \u00a0 ACCION DE TUTELA CONTRA PARTICULARES-Subordinaci\u00f3n \u00a0 ACCION DE TUTELA-Procedencia excepcional pago de acreencias laborales \u00a0 ACCION DE TUTELA-Improcedencia por no afectaci\u00f3n del m\u00ednimo vital \u00a0 Esta Sala de Revisi\u00f3n, constat\u00f3 que los pagos promedios que cada semana se le hace a los accionantes, conlleva a que su ingreso mensual sea superior a un salario m\u00ednimo y en algunos caso, muy superior a los dos salarios, raz\u00f3n por la cual el que el pago de una de las semanas salariales se retrase en periodos que realmente no son significativos, pueda llegar a afectar y a desequilibrar ...<br \/><div class=\"pt-cv-rmwrap\"><a href=\"https:\/\/www.dmsjuridica.com\/buscador_20179478954\/corteconstitucionalcronologico202454587\/t-1651-00\/\" class=\"_self pt-cv-readmore btn btn-success\" target=\"_self\">Ver Sentencia Completa...<\/a><\/div><\/div><\/div><\/div>\n<div class=\"col-md-12 col-sm-12 col-xs-12 pt-cv-content-item pt-cv-1-col\" ><div class='pt-cv-ifield'><a href=\"https:\/\/www.dmsjuridica.com\/buscador_20179478954\/corteconstitucionalcronologico202454587\/t-1650-00\/\" class=\"_self pt-cv-href-thumbnail pt-cv-thumb-default\" target=\"_self\" ><\/a>\n<div class=\"pt-cv-taxoterm above_title\"><a href='https:\/\/www.dmsjuridica.com\/buscador_20179478954\/corteconstitucionalcronologico202454587\/category\/buscar-en-toda-la-corte\/2000\/tutelas-2000\/' title='Tutelas 2000' class='pt-cv-tax-tutelas-2000'>Tutelas 2000<\/a><\/div>\n<h4 class=\"pt-cv-title\"><a href=\"https:\/\/www.dmsjuridica.com\/buscador_20179478954\/corteconstitucionalcronologico202454587\/t-1650-00\/\" class=\"_self\" target=\"_self\" >T-1650-00<\/a><\/h4>\n<div class=\"pt-cv-content\">\u00a0 \u00a0 Sentencia T-1650\/00 \u00a0 ACCION DE TUTELA-Improcedencia por no ejercicio oportuno de recursos \u00a0 Referencia: expediente T- 345830 \u00a0 Acci\u00f3n de tutela instaurada por Luis Alfredo Manrique Quevedo contra BANCAFE. \u00a0 Magistrado Ponente: \u00a0 Dr. FABIO MOR\u00d3N D\u00cdAZ\u00a0 \u00a0 Bogot\u00e1, D.C., a los veintinueve (29) d\u00edas del mes de noviembre del a\u00f1o dos mil (2000). \u00a0\u00a0 \u00a0 La Sala S\u00e9ptima de Revisi\u00f3n de Tutelas de la Corte Constitucional, integrada por los Magistrados CRISTINA PARDO SCHLESINGER, ALVARO TAFUR GALVIS y FABIO MOR\u00d3N D\u00cdAZ, en ejercicio de sus competencias constitucionales y legales, ha proferido la siguiente \u00a0 SENTENCIA \u00a0 dentro del ...<br \/><div class=\"pt-cv-rmwrap\"><a href=\"https:\/\/www.dmsjuridica.com\/buscador_20179478954\/corteconstitucionalcronologico202454587\/t-1650-00\/\" class=\"_self pt-cv-readmore btn btn-success\" target=\"_self\">Ver Sentencia Completa...<\/a><\/div><\/div><\/div><\/div>\n<div class=\"col-md-12 col-sm-12 col-xs-12 pt-cv-content-item pt-cv-1-col\" ><div class='pt-cv-ifield'><a href=\"https:\/\/www.dmsjuridica.com\/buscador_20179478954\/corteconstitucionalcronologico202454587\/t-1642-00\/\" class=\"_self pt-cv-href-thumbnail pt-cv-thumb-default\" target=\"_self\" ><\/a>\n<div class=\"pt-cv-taxoterm above_title\"><a href='https:\/\/www.dmsjuridica.com\/buscador_20179478954\/corteconstitucionalcronologico202454587\/category\/buscar-en-toda-la-corte\/2000\/tutelas-2000\/' title='Tutelas 2000' class='pt-cv-tax-tutelas-2000'>Tutelas 2000<\/a><\/div>\n<h4 class=\"pt-cv-title\"><a href=\"https:\/\/www.dmsjuridica.com\/buscador_20179478954\/corteconstitucionalcronologico202454587\/t-1642-00\/\" class=\"_self\" target=\"_self\" >T-1642-00<\/a><\/h4>\n<div class=\"pt-cv-content\">\u00a0 \u00a0 Sentencia T-1642\/00 \u00a0 DERECHO DE LA VIUDA A RECIBIR PENSION DE SOBREVIVIENTE-Nuevo matrimonio\/IGUALDAD DE DERECHOS ENTRE HOMBRES Y MUJERES\/DERECHO AL LIBRE DESARROLLO DE LA PERSONALIDAD-Vulneraci\u00f3n por contraer nuevo matrimonio\/VIDA PRIVADA-Injerencia indebida \u00a0 MADRE SOLTERA-Suspensi\u00f3n de beneficios por ECOPETROL \u00a0 No puede ser aceptable la tesis sostenida por la empresa, seg\u00fan la cual, una hija, por el hecho de ser madre, adquiere independencia econ\u00f3mica al punto que se justifique su exclusi\u00f3n del grupo familiar. En consecuencia, si por el hecho de ser madre, como lo prev\u00e9 el reglamento de ECOPETROL, se le suspenden los beneficios adquiridos en su condici\u00f3n ...<br \/><div class=\"pt-cv-rmwrap\"><a href=\"https:\/\/www.dmsjuridica.com\/buscador_20179478954\/corteconstitucionalcronologico202454587\/t-1642-00\/\" class=\"_self pt-cv-readmore btn btn-success\" target=\"_self\">Ver Sentencia Completa...<\/a><\/div><\/div><\/div><\/div>\n<div class=\"col-md-12 col-sm-12 col-xs-12 pt-cv-content-item pt-cv-1-col\" ><div class='pt-cv-ifield'><a href=\"https:\/\/www.dmsjuridica.com\/buscador_20179478954\/corteconstitucionalcronologico202454587\/t-1640-00\/\" class=\"_self pt-cv-href-thumbnail pt-cv-thumb-default\" target=\"_self\" ><\/a>\n<div class=\"pt-cv-taxoterm above_title\"><a href='https:\/\/www.dmsjuridica.com\/buscador_20179478954\/corteconstitucionalcronologico202454587\/category\/buscar-en-toda-la-corte\/2000\/tutelas-2000\/' title='Tutelas 2000' class='pt-cv-tax-tutelas-2000'>Tutelas 2000<\/a><\/div>\n<h4 class=\"pt-cv-title\"><a href=\"https:\/\/www.dmsjuridica.com\/buscador_20179478954\/corteconstitucionalcronologico202454587\/t-1640-00\/\" class=\"_self\" target=\"_self\" >T-1640-00<\/a><\/h4>\n<div class=\"pt-cv-content\">\u00a0 \u00a0 Sentencia T-1640\/00 \u00a0 ACCION DE TUTELA-Improcedencia general sobre controversias laborales\/MEDIO DE DEFENSA JUDICIAL-Controversias laborales \u00a0 COMISION DE SERVICIOS-Terminaci\u00f3n\/DERECHO AL TRABAJO-Inexistencia de degradaci\u00f3n laboral \u00a0 La Sala encuentra que la entidad demandada al momento de retrotraer la situaci\u00f3n laboral de la actora al estado inicial y previo al otorgamiento de la mencionada comisi\u00f3n de servicios, con la terminaci\u00f3n del ejercicio de las funciones comisionadas, en estricto rigor jur\u00eddico no configur\u00f3 una \u201cdegradaci\u00f3n laboral\u201d como lo denuncia la actora en su escrito, pues es claro que para esta clase de situaciones administrativas la temporalidad constituye un elemento esencial de su ...<br \/><div class=\"pt-cv-rmwrap\"><a href=\"https:\/\/www.dmsjuridica.com\/buscador_20179478954\/corteconstitucionalcronologico202454587\/t-1640-00\/\" class=\"_self pt-cv-readmore btn btn-success\" target=\"_self\">Ver Sentencia Completa...<\/a><\/div><\/div><\/div><\/div>\n<div class=\"col-md-12 col-sm-12 col-xs-12 pt-cv-content-item pt-cv-1-col\" ><div class='pt-cv-ifield'><a href=\"https:\/\/www.dmsjuridica.com\/buscador_20179478954\/corteconstitucionalcronologico202454587\/t-1639-00\/\" class=\"_self pt-cv-href-thumbnail pt-cv-thumb-default\" target=\"_self\" ><\/a>\n<div class=\"pt-cv-taxoterm above_title\"><a href='https:\/\/www.dmsjuridica.com\/buscador_20179478954\/corteconstitucionalcronologico202454587\/category\/buscar-en-toda-la-corte\/2000\/tutelas-2000\/' title='Tutelas 2000' class='pt-cv-tax-tutelas-2000'>Tutelas 2000<\/a><\/div>\n<h4 class=\"pt-cv-title\"><a href=\"https:\/\/www.dmsjuridica.com\/buscador_20179478954\/corteconstitucionalcronologico202454587\/t-1639-00\/\" class=\"_self\" target=\"_self\" >T-1639-00<\/a><\/h4>\n<div class=\"pt-cv-content\">\u00a0 \u00a0 Sentencia T-1639\/00 \u00a0 ACCION DE TUTELA-Necesidad de distinguir las pretensiones cuando la protecci\u00f3n de amparo involucra derechos colectivos\/DERECHOS FUNDAMENTALES DEL DISCAPACITADO-Supresi\u00f3n de barreras f\u00edsicas que impiden su acceso y desplazamiento \u00a0 Se hace necesario distinguir las pretensiones de los actores con el objeto de diferenciar las que resulta procedente conceder por v\u00eda de tutela -es decir la acci\u00f3n u omisi\u00f3n contra el derecho subjetivo de los accionantes -, de aquellas que, aunque involucren el respeto de derechos de reconocida transcendencia, debido a su directa relaci\u00f3n con una convivencia verdaderamente humana, como el derecho a que se supriman las ...<br \/><div class=\"pt-cv-rmwrap\"><a href=\"https:\/\/www.dmsjuridica.com\/buscador_20179478954\/corteconstitucionalcronologico202454587\/t-1639-00\/\" class=\"_self pt-cv-readmore btn btn-success\" target=\"_self\">Ver Sentencia Completa...<\/a><\/div><\/div><\/div><\/div>\n<div class=\"col-md-12 col-sm-12 col-xs-12 pt-cv-content-item pt-cv-1-col\" ><div class='pt-cv-ifield'><a href=\"https:\/\/www.dmsjuridica.com\/buscador_20179478954\/corteconstitucionalcronologico202454587\/t-1638-00\/\" class=\"_self pt-cv-href-thumbnail pt-cv-thumb-default\" target=\"_self\" ><\/a>\n<div class=\"pt-cv-taxoterm above_title\"><a href='https:\/\/www.dmsjuridica.com\/buscador_20179478954\/corteconstitucionalcronologico202454587\/category\/buscar-en-toda-la-corte\/2000\/tutelas-2000\/' title='Tutelas 2000' class='pt-cv-tax-tutelas-2000'>Tutelas 2000<\/a><\/div>\n<h4 class=\"pt-cv-title\"><a href=\"https:\/\/www.dmsjuridica.com\/buscador_20179478954\/corteconstitucionalcronologico202454587\/t-1638-00\/\" class=\"_self\" target=\"_self\" >T-1638-00<\/a><\/h4>\n<div class=\"pt-cv-content\">\u00a0 \u00a0 Sentencia T-1638\/00 \u00a0 JUEZ CONSTITUCIONAL-Improcedencia para sustituir a las autoridades en las competencias asignadas por la Constituci\u00f3n Pol\u00edtica\/JUEZ DE TUTELA-Imposibilidad de modificar presupuesto para incremento salarial de servidores p\u00fablicos\/ACCION DE TUTELA COMO MECANISMO TRANSITORIO-Improcedencia incremento salarial para servidores p\u00fablicos \u00a0 Referencia: \u00a0 \u00a0expedientes \u00a0T 323.315, \u00a0T 323.318, \u00a0T 323.319, T 323.320, \u00a0T 323.321,T 323.322, T 323.323., T 323.342, T 323.343, T 323.345, T 323.363, T 323.373,T 323.375., T 323.376, T 323.377, T 323.393, T 323.399, T 323.400, T 323.401, \u00a0 T 323.402, T 323.403, T 323.405, T 323.408, T 323.409, T 323.411, T 323.412,\u00a0 \u00a0 T 323.413, T ...<br \/><div class=\"pt-cv-rmwrap\"><a href=\"https:\/\/www.dmsjuridica.com\/buscador_20179478954\/corteconstitucionalcronologico202454587\/t-1638-00\/\" class=\"_self pt-cv-readmore btn btn-success\" target=\"_self\">Ver Sentencia Completa...<\/a><\/div><\/div><\/div><\/div>\n<div class=\"col-md-12 col-sm-12 col-xs-12 pt-cv-content-item pt-cv-1-col\" ><div class='pt-cv-ifield'><a href=\"https:\/\/www.dmsjuridica.com\/buscador_20179478954\/corteconstitucionalcronologico202454587\/t-1637-00\/\" class=\"_self pt-cv-href-thumbnail pt-cv-thumb-default\" target=\"_self\" ><\/a>\n<div class=\"pt-cv-taxoterm above_title\"><a href='https:\/\/www.dmsjuridica.com\/buscador_20179478954\/corteconstitucionalcronologico202454587\/category\/buscar-en-toda-la-corte\/2000\/tutelas-2000\/' title='Tutelas 2000' class='pt-cv-tax-tutelas-2000'>Tutelas 2000<\/a><\/div>\n<h4 class=\"pt-cv-title\"><a href=\"https:\/\/www.dmsjuridica.com\/buscador_20179478954\/corteconstitucionalcronologico202454587\/t-1637-00\/\" class=\"_self\" target=\"_self\" >T-1637-00<\/a><\/h4>\n<div class=\"pt-cv-content\">\u00a0 \u00a0 Sentencia T-1637\/00 \u00a0 MEDIO DE DEFENSA JUDICIAL-Reconocimiento y pago de prestaciones sociales\/ACCION DE TUTELA-Improcedencia reclamaci\u00f3n prestaciones sociales a Foncolpuertos \u00a0 DERECHO DE PETICION-Resoluci\u00f3n de solicitudes\/ACCION DE TUTELA-Hecho superado \u00a0 Referencia: expediente T-341107 \u00a0 Acci\u00f3n de tutela instaurada por Victor L\u00f3pez Meza contra Ministerio de Trabajo y Seguridad Social. \u00a0 Magistrado Ponente: \u00a0 Dr. FABIO MORON DIAZ\u00a0 \u00a0 Bogot\u00e1, D.C., a los veinti\u00fan (21) d\u00edas del mes de noviembre del a\u00f1o dos mil (2000). \u00a0\u00a0 \u00a0 La Sala S\u00e9ptima de Revisi\u00f3n de Tutelas de la Corte Constitucional, integrada por los Magistrados CRISTINA PARDO SCHLESINGER, ALVARO TAFUR GALVIS y FABIO ...<br \/><div class=\"pt-cv-rmwrap\"><a href=\"https:\/\/www.dmsjuridica.com\/buscador_20179478954\/corteconstitucionalcronologico202454587\/t-1637-00\/\" class=\"_self pt-cv-readmore btn btn-success\" target=\"_self\">Ver Sentencia Completa...<\/a><\/div><\/div><\/div><\/div>\n<div class=\"col-md-12 col-sm-12 col-xs-12 pt-cv-content-item pt-cv-1-col\" ><div class='pt-cv-ifield'><a href=\"https:\/\/www.dmsjuridica.com\/buscador_20179478954\/corteconstitucionalcronologico202454587\/t-1636-00\/\" class=\"_self pt-cv-href-thumbnail pt-cv-thumb-default\" target=\"_self\" ><\/a>\n<div class=\"pt-cv-taxoterm above_title\"><a href='https:\/\/www.dmsjuridica.com\/buscador_20179478954\/corteconstitucionalcronologico202454587\/category\/buscar-en-toda-la-corte\/2000\/tutelas-2000\/' title='Tutelas 2000' class='pt-cv-tax-tutelas-2000'>Tutelas 2000<\/a><\/div>\n<h4 class=\"pt-cv-title\"><a href=\"https:\/\/www.dmsjuridica.com\/buscador_20179478954\/corteconstitucionalcronologico202454587\/t-1636-00\/\" class=\"_self\" target=\"_self\" >T-1636-00<\/a><\/h4>\n<div class=\"pt-cv-content\">\u00a0 \u00a0 Sentencia T-1636\/00 \u00a0 ACCION DE TUTELA-Procedencia excepcional pago de acreencias laborales \u00a0 DERECHO AL MINIMO VITAL DEL TRABAJADOR-Pago oportuno de salarios \u00a0 EMPLEADOR-Situaci\u00f3n econ\u00f3mica o presupuestal no es \u00f3bice para desconocer pago de salarios \u00a0 Referencia: expediente T-360282 \u00a0 Acci\u00f3n de tutela incoada por Orlando Figueroa de La Hoz contra el Departamento Administrativo Distrital de Salud de Barranquilla \u00a0 Magistrado Ponente: \u00a0 Dr. JOS\u00c9 GREGORIO HERN\u00c1NDEZ GALINDO \u00a0 Bogot\u00e1, D.C., veintisiete (27) de noviembre de dos mil (2000). \u00a0 La Sala Quinta de Revisi\u00f3n de la Corte Constitucional, en ejercicio de sus competencias constitucionales y legales, espec\u00edficamente las ...<br \/><div class=\"pt-cv-rmwrap\"><a href=\"https:\/\/www.dmsjuridica.com\/buscador_20179478954\/corteconstitucionalcronologico202454587\/t-1636-00\/\" class=\"_self pt-cv-readmore btn btn-success\" target=\"_self\">Ver Sentencia Completa...<\/a><\/div><\/div><\/div><\/div>\n<div class=\"col-md-12 col-sm-12 col-xs-12 pt-cv-content-item pt-cv-1-col\" ><div class='pt-cv-ifield'><a href=\"https:\/\/www.dmsjuridica.com\/buscador_20179478954\/corteconstitucionalcronologico202454587\/t-1635-00\/\" class=\"_self pt-cv-href-thumbnail pt-cv-thumb-default\" target=\"_self\" ><\/a>\n<div class=\"pt-cv-taxoterm above_title\"><a href='https:\/\/www.dmsjuridica.com\/buscador_20179478954\/corteconstitucionalcronologico202454587\/category\/buscar-en-toda-la-corte\/2000\/tutelas-2000\/' title='Tutelas 2000' class='pt-cv-tax-tutelas-2000'>Tutelas 2000<\/a><\/div>\n<h4 class=\"pt-cv-title\"><a href=\"https:\/\/www.dmsjuridica.com\/buscador_20179478954\/corteconstitucionalcronologico202454587\/t-1635-00\/\" class=\"_self\" target=\"_self\" >T-1635-00<\/a><\/h4>\n<div class=\"pt-cv-content\">\u00a0 \u00a0 Sentencia T-1635\/00 \u00a0 DESPLAZADOS INTERNOS-V\u00edctimas de la violencia \u00a0 DERECHO INTERNACIONAL HUMANITARIO-Naturaleza imperativa\/IUS COGENS\/BLOQUE DE CONSTITUCIONALIDAD \u00a0 RED DE SOLIDARIDAD SOCIAL-Naturaleza\/RED DE SOLIDARIDAD SOCIAL-Protecci\u00f3n a desplazados \u00a0 Precisamente para hacer frente a esta nueva categor\u00eda de colombianos, el ordenamiento jur\u00eddico ha confiado a la Red de Solidaridad Social -que es un establecimiento p\u00fablico del orden nacional, dotado de personer\u00eda jur\u00eddica, autonom\u00eda administrativa y patrimonio propio, adscrito al Departamento Administrativo de la Presidencia de la Rep\u00fablica- la tarea de promover el mejoramiento de las condiciones de vida de la poblaci\u00f3n m\u00e1s pobre y vulnerable del pa\u00eds, de la que ...<br \/><div class=\"pt-cv-rmwrap\"><a href=\"https:\/\/www.dmsjuridica.com\/buscador_20179478954\/corteconstitucionalcronologico202454587\/t-1635-00\/\" class=\"_self pt-cv-readmore btn btn-success\" target=\"_self\">Ver Sentencia Completa...<\/a><\/div><\/div><\/div><\/div>\n<div class=\"col-md-12 col-sm-12 col-xs-12 pt-cv-content-item pt-cv-1-col\" ><div class='pt-cv-ifield'><a href=\"https:\/\/www.dmsjuridica.com\/buscador_20179478954\/corteconstitucionalcronologico202454587\/t-1634-00\/\" class=\"_self pt-cv-href-thumbnail pt-cv-thumb-default\" target=\"_self\" ><\/a>\n<div class=\"pt-cv-taxoterm above_title\"><a href='https:\/\/www.dmsjuridica.com\/buscador_20179478954\/corteconstitucionalcronologico202454587\/category\/buscar-en-toda-la-corte\/2000\/tutelas-2000\/' title='Tutelas 2000' class='pt-cv-tax-tutelas-2000'>Tutelas 2000<\/a><\/div>\n<h4 class=\"pt-cv-title\"><a href=\"https:\/\/www.dmsjuridica.com\/buscador_20179478954\/corteconstitucionalcronologico202454587\/t-1634-00\/\" class=\"_self\" target=\"_self\" >T-1634-00<\/a><\/h4>\n<div class=\"pt-cv-content\">\u00a0 \u00a0 Sentencia T-1634\/00 \u00a0 ACCION DE TUTELA CONTRA PARTICULARES-Indefensi\u00f3n \u00a0 NASCITURUS-Titular de derechos fundamentales \u00a0 SUSPENSION DE CONTRATO DE TRABAJO Y FUERZA MAYOR-Responsabilidad del empleador \u00a0 SECUESTRO-Causal de fuerza mayor\/SECUESTRADO-Pago de salarios \u00a0 Con el fin de garantizar los derechos fundamentales del trabajador y de quienes de \u00e9l dependen, la Corte ha reconocido la necesidad de adoptar medidas provisionales cuando, en situaciones excepcionales, la persona est\u00e1 imposibilitada para desempe\u00f1ar las funciones inherentes a su cargo. \u00a0Ello ocurre, por ejemplo, si un trabajador ha sido v\u00edctima del delito de secuestro y, naturalmente, se configura una causal de fuerza mayor que ...<br \/><div class=\"pt-cv-rmwrap\"><a href=\"https:\/\/www.dmsjuridica.com\/buscador_20179478954\/corteconstitucionalcronologico202454587\/t-1634-00\/\" class=\"_self pt-cv-readmore btn btn-success\" target=\"_self\">Ver Sentencia Completa...<\/a><\/div><\/div><\/div><\/div>\n<div class=\"col-md-12 col-sm-12 col-xs-12 pt-cv-content-item pt-cv-1-col\" ><div class='pt-cv-ifield'><a href=\"https:\/\/www.dmsjuridica.com\/buscador_20179478954\/corteconstitucionalcronologico202454587\/t-1633-00\/\" class=\"_self pt-cv-href-thumbnail pt-cv-thumb-default\" target=\"_self\" ><\/a>\n<div class=\"pt-cv-taxoterm above_title\"><a href='https:\/\/www.dmsjuridica.com\/buscador_20179478954\/corteconstitucionalcronologico202454587\/category\/buscar-en-toda-la-corte\/2000\/tutelas-2000\/' title='Tutelas 2000' class='pt-cv-tax-tutelas-2000'>Tutelas 2000<\/a><\/div>\n<h4 class=\"pt-cv-title\"><a href=\"https:\/\/www.dmsjuridica.com\/buscador_20179478954\/corteconstitucionalcronologico202454587\/t-1633-00\/\" class=\"_self\" target=\"_self\" >T-1633-00<\/a><\/h4>\n<div class=\"pt-cv-content\">\u00a0 \u00a0 Sentencia T-1633\/00 \u00a0 ACCION DE TUTELA CONTRA PROVIDENCIAS JUDICIALES-Procedencia excepcional por v\u00eda de hecho judicial \u00a0 ACCION DE TUTELA-Subsidiariedad\/ACCION DE TUTELA-Improcedencia por haber hecho uso extempor\u00e1neo de otros medios de defensa judicial \u00a0 Estima la Sala que la acci\u00f3n de tutela s\u00f3lo procede cuando el afectado no disponga de otro medio de defensa judicial. En el presente asunto el afectado goz\u00f3 de esa oportunidad procesal para alegar la violaci\u00f3n del debido proceso y del derecho a la defensa, pero decidi\u00f3 alegar la nulidad de manera extempor\u00e1nea. La Corte repite que el amparo constitucional no puede utilizarse para sustituir ...<br \/><div class=\"pt-cv-rmwrap\"><a href=\"https:\/\/www.dmsjuridica.com\/buscador_20179478954\/corteconstitucionalcronologico202454587\/t-1633-00\/\" class=\"_self pt-cv-readmore btn btn-success\" target=\"_self\">Ver Sentencia Completa...<\/a><\/div><\/div><\/div><\/div>\n<div class=\"col-md-12 col-sm-12 col-xs-12 pt-cv-content-item pt-cv-1-col\" ><div class='pt-cv-ifield'><a href=\"https:\/\/www.dmsjuridica.com\/buscador_20179478954\/corteconstitucionalcronologico202454587\/t-1632-00\/\" class=\"_self pt-cv-href-thumbnail pt-cv-thumb-default\" target=\"_self\" ><\/a>\n<div class=\"pt-cv-taxoterm above_title\"><a href='https:\/\/www.dmsjuridica.com\/buscador_20179478954\/corteconstitucionalcronologico202454587\/category\/buscar-en-toda-la-corte\/2000\/tutelas-2000\/' title='Tutelas 2000' class='pt-cv-tax-tutelas-2000'>Tutelas 2000<\/a><\/div>\n<h4 class=\"pt-cv-title\"><a href=\"https:\/\/www.dmsjuridica.com\/buscador_20179478954\/corteconstitucionalcronologico202454587\/t-1632-00\/\" class=\"_self\" target=\"_self\" >T-1632-00<\/a><\/h4>\n<div class=\"pt-cv-content\">\u00a0 \u00a0 Sentencia T-1632\/00 \u00a0 ACCION DE TUTELA-Naturaleza \u00a0 JUEZ CONSTITUCIONAL-Improcedencia para sustituir a las autoridades en las competencias asignadas por la Constituci\u00f3n Pol\u00edtica \u00a0 GOBIERNO NACIONAL-Formulaci\u00f3n anual del presupuesto y ley de apropiaciones\/JUEZ DE TUTELA-Imposibilidad de modificar presupuesto para incremento salarial de servidores p\u00fablicos \u00a0 ACCION DE TUTELA TRANSITORIA-Improcedencia incremento salarial para servidores p\u00fablicos \u00a0 Referencia: Expedientes acumulados. \u00a0 T-350982 \u00a0 \u00a0\u00a0 T-351036 \u00a0 \u00a0\u00a0 T-351226 \u00a0 \u00a0\u00a0 T-351227 \u00a0 \u00a0\u00a0 T-351228 \u00a0 \u00a0\u00a0 T-351229 \u00a0 \u00a0\u00a0 T-351230 \u00a0 \u00a0\u00a0 T-351231 \u00a0 \u00a0\u00a0 T-351232 \u00a0 \u00a0\u00a0 T-351233 \u00a0 \u00a0\u00a0 T-351234 \u00a0 \u00a0\u00a0 T-351235 \u00a0 \u00a0\u00a0 T-351236 \u00a0 \u00a0\u00a0 T-351237 ...<br \/><div class=\"pt-cv-rmwrap\"><a href=\"https:\/\/www.dmsjuridica.com\/buscador_20179478954\/corteconstitucionalcronologico202454587\/t-1632-00\/\" class=\"_self pt-cv-readmore btn btn-success\" target=\"_self\">Ver Sentencia Completa...<\/a><\/div><\/div><\/div><\/div>\n<div class=\"col-md-12 col-sm-12 col-xs-12 pt-cv-content-item pt-cv-1-col\" ><div class='pt-cv-ifield'><a href=\"https:\/\/www.dmsjuridica.com\/buscador_20179478954\/corteconstitucionalcronologico202454587\/t-1631-00\/\" class=\"_self pt-cv-href-thumbnail pt-cv-thumb-default\" target=\"_self\" ><\/a>\n<div class=\"pt-cv-taxoterm above_title\"><a href='https:\/\/www.dmsjuridica.com\/buscador_20179478954\/corteconstitucionalcronologico202454587\/category\/buscar-en-toda-la-corte\/2000\/tutelas-2000\/' title='Tutelas 2000' class='pt-cv-tax-tutelas-2000'>Tutelas 2000<\/a><\/div>\n<h4 class=\"pt-cv-title\"><a href=\"https:\/\/www.dmsjuridica.com\/buscador_20179478954\/corteconstitucionalcronologico202454587\/t-1631-00\/\" class=\"_self\" target=\"_self\" >T-1631-00<\/a><\/h4>\n<div class=\"pt-cv-content\">\u00a0 \u00a0 Sentencia T-1631\/00 \u00a0 MINISTERIO PUBLICO-Autonom\u00eda\/MINISTERIO PUBLICO-Imposici\u00f3n de sanciones\/SANCION DISCIPLINARIA A ALCALDE-Imposici\u00f3n \u00a0 SANCION DISCIPLINARIA A ALCALDE-Excepciones en cuanto a la aplicaci\u00f3n y efectividad \u00a0 El Procurador, sus delegados y agentes tienen conforme a la Constituci\u00f3n, la competencia, no s\u00f3lo para adelantar las acciones disciplinarias e imponer las sanciones correspondiente, sino igualmente, para hacer \u00e9stas efectivas. No obstante, admite la Corte que constitucionalmente se reconocen dos situaciones de excepci\u00f3n al criterio general se\u00f1alado anteriormente, que se dan, en primer t\u00e9rmino, cuando los alcaldes act\u00faan como agentes del Presidente o del gobernador, porque entonces est\u00e1n sometidos a una relaci\u00f3n jer\u00e1rquica ...<br \/><div class=\"pt-cv-rmwrap\"><a href=\"https:\/\/www.dmsjuridica.com\/buscador_20179478954\/corteconstitucionalcronologico202454587\/t-1631-00\/\" class=\"_self pt-cv-readmore btn btn-success\" target=\"_self\">Ver Sentencia Completa...<\/a><\/div><\/div><\/div><\/div>\n<div class=\"col-md-12 col-sm-12 col-xs-12 pt-cv-content-item pt-cv-1-col\" ><div class='pt-cv-ifield'><a href=\"https:\/\/www.dmsjuridica.com\/buscador_20179478954\/corteconstitucionalcronologico202454587\/t-1630-00\/\" class=\"_self pt-cv-href-thumbnail pt-cv-thumb-default\" target=\"_self\" ><\/a>\n<div class=\"pt-cv-taxoterm above_title\"><a href='https:\/\/www.dmsjuridica.com\/buscador_20179478954\/corteconstitucionalcronologico202454587\/category\/buscar-en-toda-la-corte\/2000\/tutelas-2000\/' title='Tutelas 2000' class='pt-cv-tax-tutelas-2000'>Tutelas 2000<\/a><\/div>\n<h4 class=\"pt-cv-title\"><a href=\"https:\/\/www.dmsjuridica.com\/buscador_20179478954\/corteconstitucionalcronologico202454587\/t-1630-00\/\" class=\"_self\" target=\"_self\" >T-1630-00<\/a><\/h4>\n<div class=\"pt-cv-content\">\u00a0 \u00a0 Sentencia T-1630\/00 \u00a0 Referencia: expediente T-365320\u00a0 \u00a0 Acci\u00f3n de tutela instaurada por Mar\u00eda Nury Medina Quint\u00edn contra el Hospital Federico Lleras Acosta de Ibagu\u00e9. \u00a0 Magistrada Ponente (E):\u00a0 \u00a0 Dra. MARTHA VICTORIA S\u00c1CHICA M\u00c9NDEZ \u00a0 Bogot\u00e1, D.C., noviembre veintitr\u00e9s (23) de dos mil (2000). \u00a0 La Sala Tercera de Revisi\u00f3n de la Corte Constitucional, integrada por los magistrados, Martha Victoria S\u00e1chica M\u00e9ndez, Carlos Gaviria D\u00edaz y Jos\u00e9 Gregorio Hern\u00e1ndez Galindo, en ejercicio de sus competencias constitucionales y legales, ha proferido la siguiente \u00a0 SENTENCIA \u00a0 en el proceso de revisi\u00f3n de tutela n\u00famero T-365320 del fallo adoptado por ...<br \/><div class=\"pt-cv-rmwrap\"><a href=\"https:\/\/www.dmsjuridica.com\/buscador_20179478954\/corteconstitucionalcronologico202454587\/t-1630-00\/\" class=\"_self pt-cv-readmore btn btn-success\" target=\"_self\">Ver Sentencia Completa...<\/a><\/div><\/div><\/div><\/div>\n<div class=\"col-md-12 col-sm-12 col-xs-12 pt-cv-content-item pt-cv-1-col\" ><div class='pt-cv-ifield'><a href=\"https:\/\/www.dmsjuridica.com\/buscador_20179478954\/corteconstitucionalcronologico202454587\/t-1629-00\/\" class=\"_self pt-cv-href-thumbnail pt-cv-thumb-default\" target=\"_self\" ><\/a>\n<div class=\"pt-cv-taxoterm above_title\"><a href='https:\/\/www.dmsjuridica.com\/buscador_20179478954\/corteconstitucionalcronologico202454587\/category\/buscar-en-toda-la-corte\/2000\/tutelas-2000\/' title='Tutelas 2000' class='pt-cv-tax-tutelas-2000'>Tutelas 2000<\/a><\/div>\n<h4 class=\"pt-cv-title\"><a href=\"https:\/\/www.dmsjuridica.com\/buscador_20179478954\/corteconstitucionalcronologico202454587\/t-1629-00\/\" class=\"_self\" target=\"_self\" >T-1629-00<\/a><\/h4>\n<div class=\"pt-cv-content\">\u00a0 \u00a0 Sentencia T-1629\/00 \u00a0 ACCION DE TUTELA-Procedencia excepcional pago de acreencias laborales\/DERECHO AL MINIMO VITAL DEL TRABAJADOR-Pago oportuno de salarios \u00a0 DERECHO AL PAGO OPORTUNO DEL SALARIO-Fundamental \u00a0 EMPLEADOR-Situaci\u00f3n econ\u00f3mica o presupuestal no es \u00f3bice para desconocer pago de salarios \u00a0 Referencia: expediente T-359091 \u00a0 Acci\u00f3n de tutela instaurada por Nixon Ben\u00edtez Santoya contra el Municipio de Turbaco. \u00a0 Magistrada Ponente (E):\u00a0 \u00a0 Bogot\u00e1, D.C., noviembre veintitr\u00e9s (23) de dos mil (2000). \u00a0 La Sala Tercera de Revisi\u00f3n de la Corte Constitucional, integrada por los magistrados, Martha Victoria S\u00e1chica M\u00e9ndez, Carlos Gaviria D\u00edaz y Jos\u00e9 Gregorio Hern\u00e1ndez Galindo, en ...<br \/><div class=\"pt-cv-rmwrap\"><a href=\"https:\/\/www.dmsjuridica.com\/buscador_20179478954\/corteconstitucionalcronologico202454587\/t-1629-00\/\" class=\"_self pt-cv-readmore btn btn-success\" target=\"_self\">Ver Sentencia Completa...<\/a><\/div><\/div><\/div><\/div>\n<div class=\"col-md-12 col-sm-12 col-xs-12 pt-cv-content-item pt-cv-1-col\" ><div class='pt-cv-ifield'><a href=\"https:\/\/www.dmsjuridica.com\/buscador_20179478954\/corteconstitucionalcronologico202454587\/t-1628-00\/\" class=\"_self pt-cv-href-thumbnail pt-cv-thumb-default\" target=\"_self\" ><\/a>\n<div class=\"pt-cv-taxoterm above_title\"><a href='https:\/\/www.dmsjuridica.com\/buscador_20179478954\/corteconstitucionalcronologico202454587\/category\/buscar-en-toda-la-corte\/2000\/tutelas-2000\/' title='Tutelas 2000' class='pt-cv-tax-tutelas-2000'>Tutelas 2000<\/a><\/div>\n<h4 class=\"pt-cv-title\"><a href=\"https:\/\/www.dmsjuridica.com\/buscador_20179478954\/corteconstitucionalcronologico202454587\/t-1628-00\/\" class=\"_self\" target=\"_self\" >T-1628-00<\/a><\/h4>\n<div class=\"pt-cv-content\">\u00a0 \u00a0 Sentencia T-1628\/00 \u00a0 ACCION DE TUTELA-Naturaleza \u00a0 JUEZ CONSTITUCIONAL-Improcedencia para sustituir a las autoridades en las competencias asignadas por la Constituci\u00f3n Pol\u00edtica \u00a0 Al juez constitucional no le corresponde interferir, por v\u00eda de tutela, en las decisiones generales abstractas e impersonales confiadas por la Constituci\u00f3n Pol\u00edtica a otras autoridades estatales. De tal manera que, tal como lo consideraron los jueces de instancia, mediante la acci\u00f3n de tutela no es posible sustituir al Gobierno Nacional en su gesti\u00f3n de formular y aplicar la pol\u00edtica fiscal del Estado, como tampoco resulta procedente, con el prop\u00f3sito por dem\u00e1s loable de proteger ...<br \/><div class=\"pt-cv-rmwrap\"><a href=\"https:\/\/www.dmsjuridica.com\/buscador_20179478954\/corteconstitucionalcronologico202454587\/t-1628-00\/\" class=\"_self pt-cv-readmore btn btn-success\" target=\"_self\">Ver Sentencia Completa...<\/a><\/div><\/div><\/div><\/div>\n<div class=\"col-md-12 col-sm-12 col-xs-12 pt-cv-content-item pt-cv-1-col\" ><div class='pt-cv-ifield'><a href=\"https:\/\/www.dmsjuridica.com\/buscador_20179478954\/corteconstitucionalcronologico202454587\/t-1627-00\/\" class=\"_self pt-cv-href-thumbnail pt-cv-thumb-default\" target=\"_self\" ><\/a>\n<div class=\"pt-cv-taxoterm above_title\"><a href='https:\/\/www.dmsjuridica.com\/buscador_20179478954\/corteconstitucionalcronologico202454587\/category\/buscar-en-toda-la-corte\/2000\/tutelas-2000\/' title='Tutelas 2000' class='pt-cv-tax-tutelas-2000'>Tutelas 2000<\/a><\/div>\n<h4 class=\"pt-cv-title\"><a href=\"https:\/\/www.dmsjuridica.com\/buscador_20179478954\/corteconstitucionalcronologico202454587\/t-1627-00\/\" class=\"_self\" target=\"_self\" >T-1627-00<\/a><\/h4>\n<div class=\"pt-cv-content\">\u00a0 \u00a0 Sentencia T-1627\/00 \u00a0 AUTONOMIA DEL TRABAJADOR-No vulneraci\u00f3n por consignaci\u00f3n de salario en cuenta bancaria\/SALARIO-Pago por consignaci\u00f3n en cuenta bancaria \u00a0 Referencia: expediente T-341704 \u00a0 Acci\u00f3n de tutela instaurada por Miguel Angel Vargas Zapata contra la Universidad Popular del Cesar. \u00a0 Magistrada Ponente (E): \u00a0 Dra. MARTHA VICTORIA S\u00c1CHICA M\u00c9NDEZ \u00a0 Bogot\u00e1 D.C., noviembre veintitr\u00e9s (23) de dos mil (2000) \u00a0 La Sala Tercera de Revisi\u00f3n de la Corte Constitucional, integrada por los magistrados, Martha Victoria S\u00e1chica M\u00e9ndez, Carlos Gaviria D\u00edaz y Jos\u00e9 Gregorio Hern\u00e1ndez Galindo, en ejercicio de sus competencias constitucionales y legales, ha proferido la siguiente \u00a0 ...<br \/><div class=\"pt-cv-rmwrap\"><a href=\"https:\/\/www.dmsjuridica.com\/buscador_20179478954\/corteconstitucionalcronologico202454587\/t-1627-00\/\" class=\"_self pt-cv-readmore btn btn-success\" target=\"_self\">Ver Sentencia Completa...<\/a><\/div><\/div><\/div><\/div>\n<div class=\"col-md-12 col-sm-12 col-xs-12 pt-cv-content-item pt-cv-1-col\" ><div class='pt-cv-ifield'><a href=\"https:\/\/www.dmsjuridica.com\/buscador_20179478954\/corteconstitucionalcronologico202454587\/t-1626-00\/\" class=\"_self pt-cv-href-thumbnail pt-cv-thumb-default\" target=\"_self\" ><\/a>\n<div class=\"pt-cv-taxoterm above_title\"><a href='https:\/\/www.dmsjuridica.com\/buscador_20179478954\/corteconstitucionalcronologico202454587\/category\/buscar-en-toda-la-corte\/2000\/tutelas-2000\/' title='Tutelas 2000' class='pt-cv-tax-tutelas-2000'>Tutelas 2000<\/a><\/div>\n<h4 class=\"pt-cv-title\"><a href=\"https:\/\/www.dmsjuridica.com\/buscador_20179478954\/corteconstitucionalcronologico202454587\/t-1626-00\/\" class=\"_self\" target=\"_self\" >T-1626-00<\/a><\/h4>\n<div class=\"pt-cv-content\">\u00a0 \u00a0 Sentencia T-1626\/00 \u00a0 ACCION DE TUTELA-Procedencia excepcional pago de acreencias laborales \u00a0 EMPLEADOR-Situaci\u00f3n econ\u00f3mica o presupuestal no es \u00f3bice para desconocer obligaciones laborales \u00a0 DERECHO AL MINIMO VITAL DEL TRABAJADOR-Pago oportuno de salarios \u00a0 Reiteraci\u00f3n de Jurisprudencia \u00a0 Referencia: expediente T-331905 \u00a0 Acci\u00f3n de tutela instaurada por Rodolfo Iglesias Viloria y otros contra la Personer\u00eda Distrital de Barranquilla y la Alcald\u00eda Distrital de Barranquilla. \u00a0 \u00a0\u00a0 \u00a0 Magistrada Ponente (E): \u00a0 Dra. MARTHA VICTORIA S\u00c1CHICA M\u00c9NDEZ \u00a0 Bogot\u00e1, D.C., noviembre veintitr\u00e9s (23) de dos mil (2000) \u00a0 1. Antecedentes \u00a0 El 26 de noviembre de 1999, los se\u00f1ores ...<br \/><div class=\"pt-cv-rmwrap\"><a href=\"https:\/\/www.dmsjuridica.com\/buscador_20179478954\/corteconstitucionalcronologico202454587\/t-1626-00\/\" class=\"_self pt-cv-readmore btn btn-success\" target=\"_self\">Ver Sentencia Completa...<\/a><\/div><\/div><\/div><\/div>\n<div class=\"col-md-12 col-sm-12 col-xs-12 pt-cv-content-item pt-cv-1-col\" ><div class='pt-cv-ifield'><a href=\"https:\/\/www.dmsjuridica.com\/buscador_20179478954\/corteconstitucionalcronologico202454587\/t-1625-00\/\" class=\"_self pt-cv-href-thumbnail pt-cv-thumb-default\" target=\"_self\" ><\/a>\n<div class=\"pt-cv-taxoterm above_title\"><a href='https:\/\/www.dmsjuridica.com\/buscador_20179478954\/corteconstitucionalcronologico202454587\/category\/buscar-en-toda-la-corte\/2000\/tutelas-2000\/' title='Tutelas 2000' class='pt-cv-tax-tutelas-2000'>Tutelas 2000<\/a><\/div>\n<h4 class=\"pt-cv-title\"><a href=\"https:\/\/www.dmsjuridica.com\/buscador_20179478954\/corteconstitucionalcronologico202454587\/t-1625-00\/\" class=\"_self\" target=\"_self\" >T-1625-00<\/a><\/h4>\n<div class=\"pt-cv-content\">\u00a0 \u00a0 Sentencia T-1625\/00 \u00a0 DOCTRINA CONSTITUCIONAL SOBRE VIA DE HECHO\/DESCONOCIMIENTO DEL PRINCIPIO DE FAVORABILIDAD-Defecto sustantivo \u00a0 PRINCIPIO DE AUTONOMIA FUNCIONAL DEL JUEZ-Interpretaci\u00f3n judicial \u00a0 PRINCIPIO DE AUTONOMIA FUNCIONAL DEL JUEZ-Importancia de la aplicaci\u00f3n del precedente para definir una situaci\u00f3n jur\u00eddica \u00a0 Frente a los precedentes derivados de las sentencias de sus superiores jer\u00e1rquicos y, en particular, de las corporaciones que est\u00e1n en el v\u00f3rtice de la estructura judicial colombiana, el juez est\u00e1 en la obligaci\u00f3n de acatarlas, es decir, se aplica el principio stare deciris. En estos eventos, la autonom\u00eda judicial se restringe al m\u00e1ximo, de suerte que \u00fanicamente ...<br \/><div class=\"pt-cv-rmwrap\"><a href=\"https:\/\/www.dmsjuridica.com\/buscador_20179478954\/corteconstitucionalcronologico202454587\/t-1625-00\/\" class=\"_self pt-cv-readmore btn btn-success\" target=\"_self\">Ver Sentencia Completa...<\/a><\/div><\/div><\/div><\/div>\n<div class=\"col-md-12 col-sm-12 col-xs-12 pt-cv-content-item pt-cv-1-col\" ><div class='pt-cv-ifield'><a href=\"https:\/\/www.dmsjuridica.com\/buscador_20179478954\/corteconstitucionalcronologico202454587\/t-1624-00\/\" class=\"_self pt-cv-href-thumbnail pt-cv-thumb-default\" target=\"_self\" ><\/a>\n<div class=\"pt-cv-taxoterm above_title\"><a href='https:\/\/www.dmsjuridica.com\/buscador_20179478954\/corteconstitucionalcronologico202454587\/category\/buscar-en-toda-la-corte\/2000\/tutelas-2000\/' title='Tutelas 2000' class='pt-cv-tax-tutelas-2000'>Tutelas 2000<\/a><\/div>\n<h4 class=\"pt-cv-title\"><a href=\"https:\/\/www.dmsjuridica.com\/buscador_20179478954\/corteconstitucionalcronologico202454587\/t-1624-00\/\" class=\"_self\" target=\"_self\" >T-1624-00<\/a><\/h4>\n<div class=\"pt-cv-content\">\u00a0 \u00a0 Sentencia T-1624\/00 \u00a0 DERECHO AL TRABAJO EN CONDICIONES DIGNAS Y JUSTAS-Pago oportuno de salarios \u00a0 DERECHO AL PAGO OPORTUNO DEL SALARIO-Fundamental \u00a0 EMPLEADOR-Situaci\u00f3n econ\u00f3mica o presupuestal no es \u00f3bice para desconocer pago de salarios \u00a0 DERECHO AL MINIMO VITAL DEL TRABAJADOR-Pago oportuno de salarios \u00a0 - Reiteraci\u00f3n de Jurisprudencia - \u00a0 Referencia: expediente T-353898 \u00a0 Acci\u00f3n de tutela interpuesta por Cristobal Drigelio Castro Garcia contra el Personero Y El Alcalde Del Municipio De Villarica Tolima. \u00a0 Magistrado Ponente: \u00a0 Dr. FABIO MORON DIAZ\u00a0 \u00a0 Bogot\u00e1, D.C., diciembre cinco (5) del dos mil (2000). \u00a0 \u00a0 \u00a0 La Sala ...<br \/><div class=\"pt-cv-rmwrap\"><a href=\"https:\/\/www.dmsjuridica.com\/buscador_20179478954\/corteconstitucionalcronologico202454587\/t-1624-00\/\" class=\"_self pt-cv-readmore btn btn-success\" target=\"_self\">Ver Sentencia Completa...<\/a><\/div><\/div><\/div><\/div>\n<div class=\"col-md-12 col-sm-12 col-xs-12 pt-cv-content-item pt-cv-1-col\" ><div class='pt-cv-ifield'><a href=\"https:\/\/www.dmsjuridica.com\/buscador_20179478954\/corteconstitucionalcronologico202454587\/t-1623-00\/\" class=\"_self pt-cv-href-thumbnail pt-cv-thumb-default\" target=\"_self\" ><\/a>\n<div class=\"pt-cv-taxoterm above_title\"><a href='https:\/\/www.dmsjuridica.com\/buscador_20179478954\/corteconstitucionalcronologico202454587\/category\/buscar-en-toda-la-corte\/2000\/tutelas-2000\/' title='Tutelas 2000' class='pt-cv-tax-tutelas-2000'>Tutelas 2000<\/a><\/div>\n<h4 class=\"pt-cv-title\"><a href=\"https:\/\/www.dmsjuridica.com\/buscador_20179478954\/corteconstitucionalcronologico202454587\/t-1623-00\/\" class=\"_self\" target=\"_self\" >T-1623-00<\/a><\/h4>\n<div class=\"pt-cv-content\">\u00a0 \u00a0 Sentencia T-1623\/00 \u00a0 DERECHO A LA SEGURIDAD SOCIAL-Pago oportuno de mesadas pensionales \u00a0 DERECHO AL MINIMO VITAL DEL PENSIONADO-Pago oportuno de mesadas \u00a0 EMPLEADOR-Situaci\u00f3n econ\u00f3mica o presupuestal no es \u00f3bice para desconocer pago de mesadas pensionales \u00a0 ACCION DE TUTELA PARA CUMPLIMIENTO DE SENTENCIAS-Obligaci\u00f3n de hacer \u00a0 ACCION DE TUTELA PARA CUMPLIMIENTO DE SENTENCIAS-Improcedencia pago de dineros \u00a0 ACCION DE TUTELA-Carencia actual de objeto \u00a0 - Reiteraci\u00f3n de Jurisprudencia - \u00a0 Referencia: expediente T-353893 \u00a0 Magistrado Ponente: \u00a0 Dr. FABIO MORON DIAZ\u00a0 \u00a0 Bogot\u00e1, D.C., diciembre cinco (5) del dos mil (2000). \u00a0 \u00a0 \u00a0 La Sala S\u00e9ptima ...<br \/><div class=\"pt-cv-rmwrap\"><a href=\"https:\/\/www.dmsjuridica.com\/buscador_20179478954\/corteconstitucionalcronologico202454587\/t-1623-00\/\" class=\"_self pt-cv-readmore btn btn-success\" target=\"_self\">Ver Sentencia Completa...<\/a><\/div><\/div><\/div><\/div>\n<div class=\"col-md-12 col-sm-12 col-xs-12 pt-cv-content-item pt-cv-1-col\" ><div class='pt-cv-ifield'><a href=\"https:\/\/www.dmsjuridica.com\/buscador_20179478954\/corteconstitucionalcronologico202454587\/t-1622-00\/\" class=\"_self pt-cv-href-thumbnail pt-cv-thumb-default\" target=\"_self\" ><\/a>\n<div class=\"pt-cv-taxoterm above_title\"><a href='https:\/\/www.dmsjuridica.com\/buscador_20179478954\/corteconstitucionalcronologico202454587\/category\/buscar-en-toda-la-corte\/2000\/tutelas-2000\/' title='Tutelas 2000' class='pt-cv-tax-tutelas-2000'>Tutelas 2000<\/a><\/div>\n<h4 class=\"pt-cv-title\"><a href=\"https:\/\/www.dmsjuridica.com\/buscador_20179478954\/corteconstitucionalcronologico202454587\/t-1622-00\/\" class=\"_self\" target=\"_self\" >T-1622-00<\/a><\/h4>\n<div class=\"pt-cv-content\">\u00a0 \u00a0 Sentencia T-1622\/00 \u00a0 PROCESO DE LIQUIDACION FORZOSA-Intervenci\u00f3n de entidades financieras\/SISTEMA DE SEGURIDAD SOCIAL EN SALUD-Recursos tienen car\u00e1cter parafiscal\/ACCION DE TUTELA-Restituci\u00f3n de dineros de entidades financieras por tratarse de recursos con car\u00e1cter de contribuciones parafiscales \u00a0 Referencia: expediente T- 353 380 \u00a0 Acci\u00f3n de tutela instaurada por Consorcio Medinorte, por intermedio de apoderado contra Corporaci\u00f3n Financiera del Pac\u00edfico CORFIPACIFICO en Liquidaci\u00f3n.\u00a0 \u00a0 Magistrado Ponente: \u00a0 Dr. FABIO MORON DIAZ \u00a0 Bogot\u00e1 D.C., \u00a0diciembre cinco (5) de dos mil (2000). \u00a0 La Sala S\u00e9ptima de Revisi\u00f3n de la Corte Constitucional, en ejercicio de sus competencias constitucionales y legales, espec\u00edficamente las ...<br \/><div class=\"pt-cv-rmwrap\"><a href=\"https:\/\/www.dmsjuridica.com\/buscador_20179478954\/corteconstitucionalcronologico202454587\/t-1622-00\/\" class=\"_self pt-cv-readmore btn btn-success\" target=\"_self\">Ver Sentencia Completa...<\/a><\/div><\/div><\/div><\/div>\n<div class=\"col-md-12 col-sm-12 col-xs-12 pt-cv-content-item pt-cv-1-col\" ><div class='pt-cv-ifield'><a href=\"https:\/\/www.dmsjuridica.com\/buscador_20179478954\/corteconstitucionalcronologico202454587\/t-1621-00\/\" class=\"_self pt-cv-href-thumbnail pt-cv-thumb-default\" target=\"_self\" ><\/a>\n<div class=\"pt-cv-taxoterm above_title\"><a href='https:\/\/www.dmsjuridica.com\/buscador_20179478954\/corteconstitucionalcronologico202454587\/category\/buscar-en-toda-la-corte\/2000\/tutelas-2000\/' title='Tutelas 2000' class='pt-cv-tax-tutelas-2000'>Tutelas 2000<\/a><\/div>\n<h4 class=\"pt-cv-title\"><a href=\"https:\/\/www.dmsjuridica.com\/buscador_20179478954\/corteconstitucionalcronologico202454587\/t-1621-00\/\" class=\"_self\" target=\"_self\" >T-1621-00<\/a><\/h4>\n<div class=\"pt-cv-content\">\u00a0 \u00a0 Sentencia T-1621\/00 \u00a0 DERECHO DE PETICION-Protecci\u00f3n de derechos fundamentales a\u00fan cuando por error se dirigi\u00f3 a persona no responsable \u00a0 DERECHO DE PETICION-Alcance y contenido \u00a0 ACCION DE TUTELA-Hecho superado \u00a0 Referencia: expediente T-347912 \u00a0 Actora: Isabel Pe\u00f1a Castro \u00a0 \u00a0 \u00a0 \u00a0 \u00a0 ISS-Seccional Valle \u00a0 \u00a0 \u00a0 \u00a0 \u00a0 \u00a0 \u00a0 \u00a0 \u00a0 \u00a0 \u00a0 \u00a0 \u00a0 \u00a0 \u00a0 \u00a0 \u00a0 \u00a0 Magistrado Sustanciador: \u00a0 Dr. FABIO MORON DIAZ \u00a0 Bogot\u00e1, D.C., diciembre cinco (5) del dos mil (2000) \u00a0\u00a0 \u00a0 \u00a0 \u00a0 La Sala S\u00e9ptima de Revisi\u00f3n de Tutelas de la Corte Constitucional, integrada por ...<br \/><div class=\"pt-cv-rmwrap\"><a href=\"https:\/\/www.dmsjuridica.com\/buscador_20179478954\/corteconstitucionalcronologico202454587\/t-1621-00\/\" class=\"_self pt-cv-readmore btn btn-success\" target=\"_self\">Ver Sentencia Completa...<\/a><\/div><\/div><\/div><\/div>\n<div class=\"col-md-12 col-sm-12 col-xs-12 pt-cv-content-item pt-cv-1-col\" ><div class='pt-cv-ifield'><a href=\"https:\/\/www.dmsjuridica.com\/buscador_20179478954\/corteconstitucionalcronologico202454587\/t-1620-00\/\" class=\"_self pt-cv-href-thumbnail pt-cv-thumb-default\" target=\"_self\" ><\/a>\n<div class=\"pt-cv-taxoterm above_title\"><a href='https:\/\/www.dmsjuridica.com\/buscador_20179478954\/corteconstitucionalcronologico202454587\/category\/buscar-en-toda-la-corte\/2000\/tutelas-2000\/' title='Tutelas 2000' class='pt-cv-tax-tutelas-2000'>Tutelas 2000<\/a><\/div>\n<h4 class=\"pt-cv-title\"><a href=\"https:\/\/www.dmsjuridica.com\/buscador_20179478954\/corteconstitucionalcronologico202454587\/t-1620-00\/\" class=\"_self\" target=\"_self\" >T-1620-00<\/a><\/h4>\n<div class=\"pt-cv-content\">\u00a0 \u00a0 Sentencia T-1620\/00 \u00a0 ACCION DE TUTELA TRANSITORIA-Casos excepcionales de reintegro por despido de mujer embarazada \u00a0 MUJER EMBARAZADA EN CONTRATO A TERMINO FIJO-Protecci\u00f3n \u00a0 Referencia: expediente T-341767 \u00a0 Acci\u00f3n de tutela interpuesta por Diana Patricia Cardona contra SUSALUD E.P.S. \u00a0 \u00a0 \u00a0 \u00a0 \u00a0 \u00a0 \u00a0 \u00a0 \u00a0 \u00a0 \u00a0 \u00a0 \u00a0 \u00a0 \u00a0 \u00a0 \u00a0 \u00a0 Magistrado Sustanciador: \u00a0 Dr. FABIO MORON DIAZ \u00a0 Bogot\u00e1, D.C., diciembre cinco (5) del dos mil (2000) \u00a0\u00a0 \u00a0 \u00a0 \u00a0 La Sala S\u00e9ptima de Revisi\u00f3n de Tutelas de la Corte Constitucional, integrada por los Magistrados CRISTINA PARDO SCHLESINGER (E), ALVARO ...<br \/><div class=\"pt-cv-rmwrap\"><a href=\"https:\/\/www.dmsjuridica.com\/buscador_20179478954\/corteconstitucionalcronologico202454587\/t-1620-00\/\" class=\"_self pt-cv-readmore btn btn-success\" target=\"_self\">Ver Sentencia Completa...<\/a><\/div><\/div><\/div><\/div>\n<div class=\"col-md-12 col-sm-12 col-xs-12 pt-cv-content-item pt-cv-1-col\" ><div class='pt-cv-ifield'><a href=\"https:\/\/www.dmsjuridica.com\/buscador_20179478954\/corteconstitucionalcronologico202454587\/t-1619-00\/\" class=\"_self pt-cv-href-thumbnail pt-cv-thumb-default\" target=\"_self\" ><\/a>\n<div class=\"pt-cv-taxoterm above_title\"><a href='https:\/\/www.dmsjuridica.com\/buscador_20179478954\/corteconstitucionalcronologico202454587\/category\/buscar-en-toda-la-corte\/2000\/tutelas-2000\/' title='Tutelas 2000' class='pt-cv-tax-tutelas-2000'>Tutelas 2000<\/a><\/div>\n<h4 class=\"pt-cv-title\"><a href=\"https:\/\/www.dmsjuridica.com\/buscador_20179478954\/corteconstitucionalcronologico202454587\/t-1619-00\/\" class=\"_self\" target=\"_self\" >T-1619-00<\/a><\/h4>\n<div class=\"pt-cv-content\">\u00a0 \u00a0 Sentencia T-1619\/00 \u00a0 ACCION DE TUTELA-Improcedencia por inexistencia de amenaza o vulneraci\u00f3n de derechos\/DERECHO A LA VIDA DE PERSONA INCLUIDA EN EL PROGRAMA DE PROTECCION A VICTIMAS, TESTIGOS E INTERVINIENTES EN EL PROCESO PENAL-Inexistencia de riesgo o amenaza actual \u00a0 PERJUICIO IRREMEDIABLE-Evaluaci\u00f3n cierta y no eventual \u00a0 DEBER DE LAS AUTORIDADES-Traslado al pa\u00eds de la actora y su n\u00facleo familiar con todas las medidas de seguridad\/DERECHO A LA VIDA E INTEGRIDAD PERSONAL-Medidas de seguridad para regreso al pa\u00eds \u00a0 Los antecedentes de amenaza contra la vida e integridad tanto de la accionante como de su familia obligan a ...<br \/><div class=\"pt-cv-rmwrap\"><a href=\"https:\/\/www.dmsjuridica.com\/buscador_20179478954\/corteconstitucionalcronologico202454587\/t-1619-00\/\" class=\"_self pt-cv-readmore btn btn-success\" target=\"_self\">Ver Sentencia Completa...<\/a><\/div><\/div><\/div><\/div>\n<div class=\"col-md-12 col-sm-12 col-xs-12 pt-cv-content-item pt-cv-1-col\" ><div class='pt-cv-ifield'><a href=\"https:\/\/www.dmsjuridica.com\/buscador_20179478954\/corteconstitucionalcronologico202454587\/t-1618-00\/\" class=\"_self pt-cv-href-thumbnail pt-cv-thumb-default\" target=\"_self\" ><\/a>\n<div class=\"pt-cv-taxoterm above_title\"><a href='https:\/\/www.dmsjuridica.com\/buscador_20179478954\/corteconstitucionalcronologico202454587\/category\/buscar-en-toda-la-corte\/2000\/tutelas-2000\/' title='Tutelas 2000' class='pt-cv-tax-tutelas-2000'>Tutelas 2000<\/a><\/div>\n<h4 class=\"pt-cv-title\"><a href=\"https:\/\/www.dmsjuridica.com\/buscador_20179478954\/corteconstitucionalcronologico202454587\/t-1618-00\/\" class=\"_self\" target=\"_self\" >T-1618-00<\/a><\/h4>\n<div class=\"pt-cv-content\">ACCION DE TUTELA-Procedencia excepcional \u00a0pago de acreencias laborales \u00a0 DERECHO AL PAGO OPORTUNO DEL SALARIO-Fundamental \u00a0 DERECHO AL MINIMO VITAL DEL TRABAJADOR-Pago oportuno de salarios \u00a0 PRESUNCION DE VERACIDAD-Sustento \u00a0 \u00a0 \u00a0 Reiteraci\u00f3n de Jurisprudencia \u00a0 Referencia: expedientes T-340630 y T-351061 (acumulados) \u00a0 Acci\u00f3n de Tutela instaurada por Rosa Milexy Aguilar Freite, Mar\u00eda Eugenia Monsalve Mu\u00f1oz y otros Docentes contra el Municipio de Fundaci\u00f3n, Magdalena. \u00a0 Magistrado Ponente: \u00a0 Dr. FABIO MORON DIAZ\u00a0 \u00a0 Bogot\u00e1, D.C., diciembre cinco (5) del a\u00f1o dos mil (2000). \u00a0 La Sala S\u00e9ptima de Revisi\u00f3n de Tutelas de la Corte Constitucional, integrada por los Magistrados ...<br \/><div class=\"pt-cv-rmwrap\"><a href=\"https:\/\/www.dmsjuridica.com\/buscador_20179478954\/corteconstitucionalcronologico202454587\/t-1618-00\/\" class=\"_self pt-cv-readmore btn btn-success\" target=\"_self\">Ver Sentencia Completa...<\/a><\/div><\/div><\/div><\/div>\n<div class=\"col-md-12 col-sm-12 col-xs-12 pt-cv-content-item pt-cv-1-col\" ><div class='pt-cv-ifield'><a href=\"https:\/\/www.dmsjuridica.com\/buscador_20179478954\/corteconstitucionalcronologico202454587\/t-1617-00\/\" class=\"_self pt-cv-href-thumbnail pt-cv-thumb-default\" target=\"_self\" ><\/a>\n<div class=\"pt-cv-taxoterm above_title\"><a href='https:\/\/www.dmsjuridica.com\/buscador_20179478954\/corteconstitucionalcronologico202454587\/category\/buscar-en-toda-la-corte\/2000\/tutelas-2000\/' title='Tutelas 2000' class='pt-cv-tax-tutelas-2000'>Tutelas 2000<\/a><\/div>\n<h4 class=\"pt-cv-title\"><a href=\"https:\/\/www.dmsjuridica.com\/buscador_20179478954\/corteconstitucionalcronologico202454587\/t-1617-00\/\" class=\"_self\" target=\"_self\" >T-1617-00<\/a><\/h4>\n<div class=\"pt-cv-content\">\u00a0 \u00a0 Sentencia T-1617\/00 \u00a0 ACCION DE TUTELA-Carencia actual de objeto \u00a0 Referencia: expediente T- 334 889\u00a0 \u00a0 Acci\u00f3n de tutela instaurada por Wilfrido Rodr\u00edguez Rebolledo contra Seguro Social Seccional Magdalena Departamento de Riesgos Profesionales\u00a0 \u00a0 Magistrado Ponente: \u00a0 Dr. FABIO MORON DIAZ \u00a0 Bogot\u00e1 D.C., diciembre cinco (5) de dos mil (2000). \u00a0 La Sala S\u00e9ptima de Revisi\u00f3n de la Corte Constitucional, en ejercicio de sus competencias constitucionales y legales, espec\u00edficamente las previstas en los art\u00edculos 86 y 241, numeral 9, de la Constituci\u00f3n Pol\u00edtica y en el Decreto 2591 de 1.991, ha proferido la siguiente, \u00a0 SENTENCIA \u00a0 ...<br \/><div class=\"pt-cv-rmwrap\"><a href=\"https:\/\/www.dmsjuridica.com\/buscador_20179478954\/corteconstitucionalcronologico202454587\/t-1617-00\/\" class=\"_self pt-cv-readmore btn btn-success\" target=\"_self\">Ver Sentencia Completa...<\/a><\/div><\/div><\/div><\/div>\n<div class=\"col-md-12 col-sm-12 col-xs-12 pt-cv-content-item pt-cv-1-col\" ><div class='pt-cv-ifield'><a href=\"https:\/\/www.dmsjuridica.com\/buscador_20179478954\/corteconstitucionalcronologico202454587\/t-1616-00\/\" class=\"_self pt-cv-href-thumbnail pt-cv-thumb-default\" target=\"_self\" ><\/a>\n<div class=\"pt-cv-taxoterm above_title\"><a href='https:\/\/www.dmsjuridica.com\/buscador_20179478954\/corteconstitucionalcronologico202454587\/category\/buscar-en-toda-la-corte\/2000\/tutelas-2000\/' title='Tutelas 2000' class='pt-cv-tax-tutelas-2000'>Tutelas 2000<\/a><\/div>\n<h4 class=\"pt-cv-title\"><a href=\"https:\/\/www.dmsjuridica.com\/buscador_20179478954\/corteconstitucionalcronologico202454587\/t-1616-00\/\" class=\"_self\" target=\"_self\" >T-1616-00<\/a><\/h4>\n<div class=\"pt-cv-content\">\u00a0 \u00a0 Sentencia T-1616\/00 \u00a0 LICENCIA DE MATERNIDAD-Procedencia excepcional de tutela para el pago \u00a0 LICENCIA DE MATERNIDAD-Objeto \u00a0 PRESUNCION DE VERACIDAD-Sustento \u00a0 Reiteraci\u00f3n de Jurisprudencia \u00a0 Referencia: expediente T-334525 \u00a0 Acci\u00f3n de Tutela instaurada por Beatriz Amira Riveros Gonzalez contra el Instituto de Seguro Social. \u00a0 Magistrado Ponente: \u00a0 Dr. FABIO MORON DIAZ\u00a0 \u00a0 Bogot\u00e1, D.C., diciembre cinco (5) del a\u00f1o dos mil (2000). \u00a0 La Sala S\u00e9ptima de Revisi\u00f3n de Tutelas de la Corte Constitucional, integrada por los Magistrados Cristina Pardo Schlesinger (E), Alvaro Tafur Galvis y Fabio Mor\u00f3n D\u00edaz, en ejercicio de sus competencias constitucionales y legales, ...<br \/><div class=\"pt-cv-rmwrap\"><a href=\"https:\/\/www.dmsjuridica.com\/buscador_20179478954\/corteconstitucionalcronologico202454587\/t-1616-00\/\" class=\"_self pt-cv-readmore btn btn-success\" target=\"_self\">Ver Sentencia Completa...<\/a><\/div><\/div><\/div><\/div>\n<div class=\"col-md-12 col-sm-12 col-xs-12 pt-cv-content-item pt-cv-1-col\" ><div class='pt-cv-ifield'><a href=\"https:\/\/www.dmsjuridica.com\/buscador_20179478954\/corteconstitucionalcronologico202454587\/t-1615-00\/\" class=\"_self pt-cv-href-thumbnail pt-cv-thumb-default\" target=\"_self\" ><\/a>\n<div class=\"pt-cv-taxoterm above_title\"><a href='https:\/\/www.dmsjuridica.com\/buscador_20179478954\/corteconstitucionalcronologico202454587\/category\/buscar-en-toda-la-corte\/2000\/tutelas-2000\/' title='Tutelas 2000' class='pt-cv-tax-tutelas-2000'>Tutelas 2000<\/a><\/div>\n<h4 class=\"pt-cv-title\"><a href=\"https:\/\/www.dmsjuridica.com\/buscador_20179478954\/corteconstitucionalcronologico202454587\/t-1615-00\/\" class=\"_self\" target=\"_self\" >T-1615-00<\/a><\/h4>\n<div class=\"pt-cv-content\">\u00a0 \u00a0 Sentencia T-1615\/00 \u00a0 SEGURO SOCIAL-Condicionamiento de quimioterapia al n\u00famero de semanas cotizadas\/DERECHO A LA SALUD-Tratamiento de quimioterapia de persona con capacidad de pago \u00a0 S\u00f3lo en el mes de abril y en raz\u00f3n al n\u00famero de semanas cotizadas el Seguro Social ha solicitado al actor que asuma el pago del excedente por concepto de las sesiones de quimioterapia que requiere. De acuerdo a las pruebas que obran en el expediente, el actor forma parte de una familia con capacidad de pago para asumir el costo de su tratamiento, el cual obviamente ir\u00e1 reduciendo de acuerdo al aumento del ...<br \/><div class=\"pt-cv-rmwrap\"><a href=\"https:\/\/www.dmsjuridica.com\/buscador_20179478954\/corteconstitucionalcronologico202454587\/t-1615-00\/\" class=\"_self pt-cv-readmore btn btn-success\" target=\"_self\">Ver Sentencia Completa...<\/a><\/div><\/div><\/div><\/div>\n<div class=\"col-md-12 col-sm-12 col-xs-12 pt-cv-content-item pt-cv-1-col\" ><div class='pt-cv-ifield'><a href=\"https:\/\/www.dmsjuridica.com\/buscador_20179478954\/corteconstitucionalcronologico202454587\/t-1614-00\/\" class=\"_self pt-cv-href-thumbnail pt-cv-thumb-default\" target=\"_self\" ><\/a>\n<div class=\"pt-cv-taxoterm above_title\"><a href='https:\/\/www.dmsjuridica.com\/buscador_20179478954\/corteconstitucionalcronologico202454587\/category\/buscar-en-toda-la-corte\/2000\/tutelas-2000\/' title='Tutelas 2000' class='pt-cv-tax-tutelas-2000'>Tutelas 2000<\/a><\/div>\n<h4 class=\"pt-cv-title\"><a href=\"https:\/\/www.dmsjuridica.com\/buscador_20179478954\/corteconstitucionalcronologico202454587\/t-1614-00\/\" class=\"_self\" target=\"_self\" >T-1614-00<\/a><\/h4>\n<div class=\"pt-cv-content\">\u00a0 \u00a0 Sentencia T-1614\/00 \u00a0 DERECHO DE PETICION-N\u00facleo esencial \u00a0 DERECHO DE PETICION FRENTE AL SILENCIO ADMINISTRATIVO NEGATIVO-Deber de resolver la solicitud \u00a0 Referencia: expediente T-350692 \u00a0 Acci\u00f3n de tutela interpuesta por ALIRIO DE JESUS GAVIRIA MOLINA contra Instituto de los Seguros Sociales Seccional Medell\u00edn.\u00a0 \u00a0 Magistrado Ponente: \u00a0 Bogot\u00e1, D.C., noviembre veintiuno (21) de dos mil (2000) \u00a0\u00a0 \u00a0 \u00a0 \u00a0 La Sala S\u00e9ptima de Revisi\u00f3n de Tutelas de la Corte Constitucional, integrada por los Magistrados FABIO MORON DIAZ, CRISTINA PARDO SCHLESINGER y ALVARO TAFUR GALVIS, en ejercicio de sus competencias constitucionales y legales, ha proferido la siguiente \u00a0 ...<br \/><div class=\"pt-cv-rmwrap\"><a href=\"https:\/\/www.dmsjuridica.com\/buscador_20179478954\/corteconstitucionalcronologico202454587\/t-1614-00\/\" class=\"_self pt-cv-readmore btn btn-success\" target=\"_self\">Ver Sentencia Completa...<\/a><\/div><\/div><\/div><\/div>\n<div class=\"col-md-12 col-sm-12 col-xs-12 pt-cv-content-item pt-cv-1-col\" ><div class='pt-cv-ifield'><a href=\"https:\/\/www.dmsjuridica.com\/buscador_20179478954\/corteconstitucionalcronologico202454587\/t-1613-00\/\" class=\"_self pt-cv-href-thumbnail pt-cv-thumb-default\" target=\"_self\" ><\/a>\n<div class=\"pt-cv-taxoterm above_title\"><a href='https:\/\/www.dmsjuridica.com\/buscador_20179478954\/corteconstitucionalcronologico202454587\/category\/buscar-en-toda-la-corte\/2000\/tutelas-2000\/' title='Tutelas 2000' class='pt-cv-tax-tutelas-2000'>Tutelas 2000<\/a><\/div>\n<h4 class=\"pt-cv-title\"><a href=\"https:\/\/www.dmsjuridica.com\/buscador_20179478954\/corteconstitucionalcronologico202454587\/t-1613-00\/\" class=\"_self\" target=\"_self\" >T-1613-00<\/a><\/h4>\n<div class=\"pt-cv-content\">\u00a0 \u00a0 Sentencia T-1613\/00 \u00a0 DERECHO DE PETICION EN CESANTIAS PARCIALES-Respuesta sobre reconocimiento no sujeta a disponibilidad presupuestal\u00a0 \u00a0 ENTIDAD HOSPITALARIA-Pago de cesant\u00edas en estricto turno de radicaci\u00f3n \u00a0 FALTA DE LEGITIMACION POR PASIVA EN TUTELA-Aplicaci\u00f3n \u00a0 Cuando del tr\u00e1mite procesal se deduce que el demandado no es responsable del quebrantamiento de los derechos fundamentales del actor, no puede concederse la tutela en su contra pues no existe nexo de causalidad entre la acci\u00f3n de tutela y la omisi\u00f3n o acci\u00f3n o amenaza de derechos fundamentales, por lo que se torna improcedente, por configurarse el fen\u00f3meno de la falta de ...<br \/><div class=\"pt-cv-rmwrap\"><a href=\"https:\/\/www.dmsjuridica.com\/buscador_20179478954\/corteconstitucionalcronologico202454587\/t-1613-00\/\" class=\"_self pt-cv-readmore btn btn-success\" target=\"_self\">Ver Sentencia Completa...<\/a><\/div><\/div><\/div><\/div>\n<div class=\"col-md-12 col-sm-12 col-xs-12 pt-cv-content-item pt-cv-1-col\" ><div class='pt-cv-ifield'><a href=\"https:\/\/www.dmsjuridica.com\/buscador_20179478954\/corteconstitucionalcronologico202454587\/t-1612-00\/\" class=\"_self pt-cv-href-thumbnail pt-cv-thumb-default\" target=\"_self\" ><\/a>\n<div class=\"pt-cv-taxoterm above_title\"><a href='https:\/\/www.dmsjuridica.com\/buscador_20179478954\/corteconstitucionalcronologico202454587\/category\/buscar-en-toda-la-corte\/2000\/tutelas-2000\/' title='Tutelas 2000' class='pt-cv-tax-tutelas-2000'>Tutelas 2000<\/a><\/div>\n<h4 class=\"pt-cv-title\"><a href=\"https:\/\/www.dmsjuridica.com\/buscador_20179478954\/corteconstitucionalcronologico202454587\/t-1612-00\/\" class=\"_self\" target=\"_self\" >T-1612-00<\/a><\/h4>\n<div class=\"pt-cv-content\">\u00a0 \u00a0 Sentencia T-1612\/00 \u00a0 DERECHOS FUNDAMENTALES DEL NI\u00d1O-Fundamental \u00a0 INAPLICACION DE NORMAS DEL PLAN OBLIGATORIO DE SALUD-Exclusi\u00f3n de tratamientos y medicamentos \u00a0 DERECHO A LA SALUD DEL NI\u00d1O-Suministro de zapatos ortop\u00e9dicos\/ENTIDAD PROMOTORA DE SALUD-Repetici\u00f3n contra el FOSYGA \u00a0 Referencia: expediente T-349425 \u00a0 Acci\u00f3n de tutela interpuesta por MABEL SORAYA BARRETO MORENO contra SALUDCOOP \u00a0 Magistrado Ponente: \u00a0 Dr. FABIO MORON DIAZ\u00a0 \u00a0 Bogot\u00e1, D.C., noviembre veintiuno (21) de dos mil (2000) \u00a0\u00a0 \u00a0 \u00a0 \u00a0 La Sala S\u00e9ptima de Revisi\u00f3n de Tutelas de la Corte Constitucional, integrada por los Magistrados FABIO MORON DIAZ, CRISTINA PARDO SCHLESINGER y ALVARO TAFUR ...<br \/><div class=\"pt-cv-rmwrap\"><a href=\"https:\/\/www.dmsjuridica.com\/buscador_20179478954\/corteconstitucionalcronologico202454587\/t-1612-00\/\" class=\"_self pt-cv-readmore btn btn-success\" target=\"_self\">Ver Sentencia Completa...<\/a><\/div><\/div><\/div><\/div>\n<div class=\"col-md-12 col-sm-12 col-xs-12 pt-cv-content-item pt-cv-1-col\" ><div class='pt-cv-ifield'><a href=\"https:\/\/www.dmsjuridica.com\/buscador_20179478954\/corteconstitucionalcronologico202454587\/t-1611-00\/\" class=\"_self pt-cv-href-thumbnail pt-cv-thumb-default\" target=\"_self\" ><\/a>\n<div class=\"pt-cv-taxoterm above_title\"><a href='https:\/\/www.dmsjuridica.com\/buscador_20179478954\/corteconstitucionalcronologico202454587\/category\/buscar-en-toda-la-corte\/2000\/tutelas-2000\/' title='Tutelas 2000' class='pt-cv-tax-tutelas-2000'>Tutelas 2000<\/a><\/div>\n<h4 class=\"pt-cv-title\"><a href=\"https:\/\/www.dmsjuridica.com\/buscador_20179478954\/corteconstitucionalcronologico202454587\/t-1611-00\/\" class=\"_self\" target=\"_self\" >T-1611-00<\/a><\/h4>\n<div class=\"pt-cv-content\">\u00a0 \u00a0 Sentencia T-1611\/00 \u00a0 MUJER TRABAJADORA EMBARAZADA-Protecci\u00f3n constitucional especial \u00a0 ACCION DE TUTELA TRANSITORIA DEL DERECHO A LA ESTABILIDAD LABORAL REFORZADA DE MUJER EMBARAZADA-Elementos f\u00e1cticos que deben demostrarse \u00a0 Referencia: expediente T- 348 456 \u00a0 Acci\u00f3n de tutela instaurada por Alba Parody P\u00e9rez contra Colpatria Sociedad Administradora de Fondos de Cesant\u00edas y Pensiones S.A. \u00a0 Magistrado Ponente: \u00a0 Dr. FABIO MORON DIAZ \u00a0 Bogot\u00e1 D.C., veintiuno (21) de noviembre de dos mil (2000). \u00a0 La Sala S\u00e9ptima de Revisi\u00f3n de la Corte Constitucional, en ejercicio de sus competencias constitucionales y legales, espec\u00edficamente las previstas en los art\u00edculos 86 y ...<br \/><div class=\"pt-cv-rmwrap\"><a href=\"https:\/\/www.dmsjuridica.com\/buscador_20179478954\/corteconstitucionalcronologico202454587\/t-1611-00\/\" class=\"_self pt-cv-readmore btn btn-success\" target=\"_self\">Ver Sentencia Completa...<\/a><\/div><\/div><\/div><\/div>\n<div class=\"col-md-12 col-sm-12 col-xs-12 pt-cv-content-item pt-cv-1-col\" ><div class='pt-cv-ifield'><a href=\"https:\/\/www.dmsjuridica.com\/buscador_20179478954\/corteconstitucionalcronologico202454587\/t-1610-00\/\" class=\"_self pt-cv-href-thumbnail pt-cv-thumb-default\" target=\"_self\" ><\/a>\n<div class=\"pt-cv-taxoterm above_title\"><a href='https:\/\/www.dmsjuridica.com\/buscador_20179478954\/corteconstitucionalcronologico202454587\/category\/buscar-en-toda-la-corte\/2000\/tutelas-2000\/' title='Tutelas 2000' class='pt-cv-tax-tutelas-2000'>Tutelas 2000<\/a><\/div>\n<h4 class=\"pt-cv-title\"><a href=\"https:\/\/www.dmsjuridica.com\/buscador_20179478954\/corteconstitucionalcronologico202454587\/t-1610-00\/\" class=\"_self\" target=\"_self\" >T-1610-00<\/a><\/h4>\n<div class=\"pt-cv-content\">\u00a0 \u00a0 Sentencia T-1610\/00 \u00a0 DERECHO AL PAGO OPORTUNO DEL SALARIO-Fundamental \u00a0 EMPLEADOR-Situaci\u00f3n econ\u00f3mica o presupuestal no es \u00f3bice para desconocer obligaciones laborales \u00a0 REORGANIZACION DEL SISTEMA NACIONAL DE SALUD-Transformaci\u00f3n de hospitales p\u00fablicos en empresas sociales\/SUSTITUCION PATRONAL-Continuidad en los contratos de trabajo \u00a0 La legislaci\u00f3n que reorganiz\u00f3 el Sistema Nacional de Salud, dispuso la transformaci\u00f3n de los hospitales p\u00fablicos en Empresas Sociales del Estado, estableciendo que dicho requisito es necesario para recibir las transferencias del situado fiscal destinadas a salud; no obstante, ese proceso de transformaci\u00f3n no despoj\u00f3 a los antes hospitales p\u00fablicos, adscritos por entonces a las respectivas secretar\u00edas ...<br \/><div class=\"pt-cv-rmwrap\"><a href=\"https:\/\/www.dmsjuridica.com\/buscador_20179478954\/corteconstitucionalcronologico202454587\/t-1610-00\/\" class=\"_self pt-cv-readmore btn btn-success\" target=\"_self\">Ver Sentencia Completa...<\/a><\/div><\/div><\/div><\/div>\n<div class=\"col-md-12 col-sm-12 col-xs-12 pt-cv-content-item pt-cv-1-col\" ><div class='pt-cv-ifield'><a href=\"https:\/\/www.dmsjuridica.com\/buscador_20179478954\/corteconstitucionalcronologico202454587\/t-1609-00\/\" class=\"_self pt-cv-href-thumbnail pt-cv-thumb-default\" target=\"_self\" ><\/a>\n<div class=\"pt-cv-taxoterm above_title\"><a href='https:\/\/www.dmsjuridica.com\/buscador_20179478954\/corteconstitucionalcronologico202454587\/category\/buscar-en-toda-la-corte\/2000\/tutelas-2000\/' title='Tutelas 2000' class='pt-cv-tax-tutelas-2000'>Tutelas 2000<\/a><\/div>\n<h4 class=\"pt-cv-title\"><a href=\"https:\/\/www.dmsjuridica.com\/buscador_20179478954\/corteconstitucionalcronologico202454587\/t-1609-00\/\" class=\"_self\" target=\"_self\" >T-1609-00<\/a><\/h4>\n<div class=\"pt-cv-content\">\u00a0 \u00a0 Sentencia T-1609\/00 \u00a0 LICENCIA DE MATERNIDAD-Procedencia excepcional de tutela para el pago \u00a0 PRINCIPIO DE FAVORABILIDAD NORMATIVA EN MATERIA DE LICENCIA DE MATERNIDAD-Pago \u00a0 Referencia: expediente T-347647 \u00a0 Acci\u00f3n de tutela interpuesta por Clarita Esther Obregon Matos contra ISS \u2013 Seccional Barranquilla \u00a0 Magistrado Ponente: \u00a0 Dr. FABIO MORON DIAZ\u00a0 \u00a0 Bogot\u00e1, D.C., noviembre veintiuno (21) de dos mil (2000) \u00a0\u00a0 \u00a0 \u00a0 \u00a0 La Sala S\u00e9ptima de Revisi\u00f3n de Tutelas de la Corte Constitucional, integrada por los Magistrados FABIO MORON DIAZ, CRISTINA PARDO SCHLESINGER y ALVARO TAFUR GALVIS, en ejercicio de sus competencias constitucionales y legales, ha ...<br \/><div class=\"pt-cv-rmwrap\"><a href=\"https:\/\/www.dmsjuridica.com\/buscador_20179478954\/corteconstitucionalcronologico202454587\/t-1609-00\/\" class=\"_self pt-cv-readmore btn btn-success\" target=\"_self\">Ver Sentencia Completa...<\/a><\/div><\/div><\/div><\/div>\n<div class=\"col-md-12 col-sm-12 col-xs-12 pt-cv-content-item pt-cv-1-col\" ><div class='pt-cv-ifield'><a href=\"https:\/\/www.dmsjuridica.com\/buscador_20179478954\/corteconstitucionalcronologico202454587\/t-1608-00\/\" class=\"_self pt-cv-href-thumbnail pt-cv-thumb-default\" target=\"_self\" ><\/a>\n<div class=\"pt-cv-taxoterm above_title\"><a href='https:\/\/www.dmsjuridica.com\/buscador_20179478954\/corteconstitucionalcronologico202454587\/category\/buscar-en-toda-la-corte\/2000\/tutelas-2000\/' title='Tutelas 2000' class='pt-cv-tax-tutelas-2000'>Tutelas 2000<\/a><\/div>\n<h4 class=\"pt-cv-title\"><a href=\"https:\/\/www.dmsjuridica.com\/buscador_20179478954\/corteconstitucionalcronologico202454587\/t-1608-00\/\" class=\"_self\" target=\"_self\" >T-1608-00<\/a><\/h4>\n<div class=\"pt-cv-content\">\u00a0 \u00a0 Sentencia T-1608\/00 \u00a0 DERECHO AL MINIMO VITAL DEL PENSIONADO-Pago oportuno de mesadas\/DERECHO A LA SEGURIDAD SOCIAL DE PERSONA DE LA TERCERA EDAD \u00a0 Referencia: expediente T- 347 298.\u00a0 \u00a0 Acci\u00f3n de tutela instaurada por Julio Hernando Galindo Garc\u00eda contra la Cooperativa de Transportadores del Tequendama Ltda. \u00a0 Dr. FABIO MORON DIAZ \u00a0 Bogot\u00e1 D.C., veintiuno (21) de noviembre de dos mil (2000). \u00a0 La Sala S\u00e9ptima de Revisi\u00f3n de la Corte Constitucional, en ejercicio de sus competencias constitucionales y legales, espec\u00edficamente las previstas en los art\u00edculos 86 y 241, numeral 9, de la Constituci\u00f3n Pol\u00edtica y en el ...<br \/><div class=\"pt-cv-rmwrap\"><a href=\"https:\/\/www.dmsjuridica.com\/buscador_20179478954\/corteconstitucionalcronologico202454587\/t-1608-00\/\" class=\"_self pt-cv-readmore btn btn-success\" target=\"_self\">Ver Sentencia Completa...<\/a><\/div><\/div><\/div><\/div>\n<div class=\"col-md-12 col-sm-12 col-xs-12 pt-cv-content-item pt-cv-1-col\" ><div class='pt-cv-ifield'><a href=\"https:\/\/www.dmsjuridica.com\/buscador_20179478954\/corteconstitucionalcronologico202454587\/t-1607-00\/\" class=\"_self pt-cv-href-thumbnail pt-cv-thumb-default\" target=\"_self\" ><\/a>\n<div class=\"pt-cv-taxoterm above_title\"><a href='https:\/\/www.dmsjuridica.com\/buscador_20179478954\/corteconstitucionalcronologico202454587\/category\/buscar-en-toda-la-corte\/2000\/tutelas-2000\/' title='Tutelas 2000' class='pt-cv-tax-tutelas-2000'>Tutelas 2000<\/a><\/div>\n<h4 class=\"pt-cv-title\"><a href=\"https:\/\/www.dmsjuridica.com\/buscador_20179478954\/corteconstitucionalcronologico202454587\/t-1607-00\/\" class=\"_self\" target=\"_self\" >T-1607-00<\/a><\/h4>\n<div class=\"pt-cv-content\">\u00a0 \u00a0 Sentencia T-1607\/00 \u00a0 ENFERMEDADES CATASTROFICAS O RUINOSAS-Tratamiento de persona de escasos recursos sin cumplir periodo m\u00ednimo de cotizaci\u00f3n\/ENTIDAD PROMOTORA DE SALUD-Repetici\u00f3n contra el FOSYGA \u00a0 Referencia: expediente T-347291 \u00a0 Acci\u00f3n de tutela interpuesta por Manuel Valencia Silva contra el ISS-Seccional Valle del Cauca \u00a0 Magistrado Ponente: \u00a0 Dr. FABIO MORON DIAZ\u00a0 \u00a0 Bogot\u00e1, D.C., noviembre veintiuno (21) de dos mil (2000) \u00a0\u00a0 \u00a0 \u00a0 \u00a0 La Sala S\u00e9ptima de Revisi\u00f3n de Tutelas de la Corte Constitucional, integrada por los Magistrados FABIO MORON DIAZ, CRISTINA PARDO SCHLESINGER y ALVARO TAFUR GALVIS, en ejercicio de sus competencias constitucionales y legales, ...<br \/><div class=\"pt-cv-rmwrap\"><a href=\"https:\/\/www.dmsjuridica.com\/buscador_20179478954\/corteconstitucionalcronologico202454587\/t-1607-00\/\" class=\"_self pt-cv-readmore btn btn-success\" target=\"_self\">Ver Sentencia Completa...<\/a><\/div><\/div><\/div><\/div>\n<div class=\"col-md-12 col-sm-12 col-xs-12 pt-cv-content-item pt-cv-1-col\" ><div class='pt-cv-ifield'><a href=\"https:\/\/www.dmsjuridica.com\/buscador_20179478954\/corteconstitucionalcronologico202454587\/t-1606-00\/\" class=\"_self pt-cv-href-thumbnail pt-cv-thumb-default\" target=\"_self\" ><\/a>\n<div class=\"pt-cv-taxoterm above_title\"><a href='https:\/\/www.dmsjuridica.com\/buscador_20179478954\/corteconstitucionalcronologico202454587\/category\/buscar-en-toda-la-corte\/2000\/tutelas-2000\/' title='Tutelas 2000' class='pt-cv-tax-tutelas-2000'>Tutelas 2000<\/a><\/div>\n<h4 class=\"pt-cv-title\"><a href=\"https:\/\/www.dmsjuridica.com\/buscador_20179478954\/corteconstitucionalcronologico202454587\/t-1606-00\/\" class=\"_self\" target=\"_self\" >T-1606-00<\/a><\/h4>\n<div class=\"pt-cv-content\">\u00a0 \u00a0 Sentencia T-1606\/00 \u00a0 ACCION DE TUTELA-Hecho superado \u00a0 HACINAMIENTO CARCELARIO-Salas de retenidos \u00a0 Referencia: expediente T-346751 \u00a0 Acci\u00f3n de Tutela interpuesta por el Defensor del PUEBLO Regional Santander Frank Giovanny Gonz\u00e1lez Mej\u00eda contra el Ministro De Justicia y el Director General Del Instituto Nacional Penitenciario Y Carcelario Inpec. \u00a0 Temas: \u00a0 Hacinamiento y las condiciones inhumanas de vida en Salas de retenci\u00f3n y violaci\u00f3n de los derechos a un trato digno, a la vida e integridad personal, a no sufrir tratos crueles, inhumanos o degradantes. \u00a0 Magistrado Ponente: \u00a0 Dr. FABIO MOR\u00d3N D\u00cdAZ \u00a0 Bogot\u00e1, D.C., noviembre veintiuno ...<br \/><div class=\"pt-cv-rmwrap\"><a href=\"https:\/\/www.dmsjuridica.com\/buscador_20179478954\/corteconstitucionalcronologico202454587\/t-1606-00\/\" class=\"_self pt-cv-readmore btn btn-success\" target=\"_self\">Ver Sentencia Completa...<\/a><\/div><\/div><\/div><\/div>\n<div class=\"col-md-12 col-sm-12 col-xs-12 pt-cv-content-item pt-cv-1-col\" ><div class='pt-cv-ifield'><a href=\"https:\/\/www.dmsjuridica.com\/buscador_20179478954\/corteconstitucionalcronologico202454587\/t-1605-00\/\" class=\"_self pt-cv-href-thumbnail pt-cv-thumb-default\" target=\"_self\" ><\/a>\n<div class=\"pt-cv-taxoterm above_title\"><a href='https:\/\/www.dmsjuridica.com\/buscador_20179478954\/corteconstitucionalcronologico202454587\/category\/buscar-en-toda-la-corte\/2000\/tutelas-2000\/' title='Tutelas 2000' class='pt-cv-tax-tutelas-2000'>Tutelas 2000<\/a><\/div>\n<h4 class=\"pt-cv-title\"><a href=\"https:\/\/www.dmsjuridica.com\/buscador_20179478954\/corteconstitucionalcronologico202454587\/t-1605-00\/\" class=\"_self\" target=\"_self\" >T-1605-00<\/a><\/h4>\n<div class=\"pt-cv-content\">\u00a0 \u00a0 Sentencia T-1605\/00 \u00a0 LICENCIA DE MATERNIDAD-Procedencia excepcional de tutela para el pago \u00a0 MADRE COMUNITARIA-Vinculaci\u00f3n a r\u00e9gimen subsidiado\/LICENCIA DE MATERNIDAD DE MADRES COMUNITARIAS-Improcedencia de pago por vinculaci\u00f3n a r\u00e9gimen subsidiado \u00a0 Referencia: expediente T-346545 \u00a0 Acci\u00f3n de tutela interpuesta por Sandra Milena Tavera contra ISS Seccional de Neiva \u00a0 Magistrado Ponente: \u00a0 Dr. FABIO MOR\u00d3N D\u00cdAZ \u00a0 Bogot\u00e1, D.C., noviembre veintiuno (21) de dos mil (2000) \u00a0 La Sala S\u00e9ptima de Revisi\u00f3n de Tutelas de la Corte Constitucional, integrada por los Magistrados FABIO MOR\u00d3N D\u00cdAZ, CRISTINA PARDO SCHLESINGER y ALVARO TAFUR GALVIS, en ejercicio de sus competencias constitucionales ...<br \/><div class=\"pt-cv-rmwrap\"><a href=\"https:\/\/www.dmsjuridica.com\/buscador_20179478954\/corteconstitucionalcronologico202454587\/t-1605-00\/\" class=\"_self pt-cv-readmore btn btn-success\" target=\"_self\">Ver Sentencia Completa...<\/a><\/div><\/div><\/div><\/div>\n<div class=\"col-md-12 col-sm-12 col-xs-12 pt-cv-content-item pt-cv-1-col\" ><div class='pt-cv-ifield'><a href=\"https:\/\/www.dmsjuridica.com\/buscador_20179478954\/corteconstitucionalcronologico202454587\/t-1604-00\/\" class=\"_self pt-cv-href-thumbnail pt-cv-thumb-default\" target=\"_self\" ><\/a>\n<div class=\"pt-cv-taxoterm above_title\"><a href='https:\/\/www.dmsjuridica.com\/buscador_20179478954\/corteconstitucionalcronologico202454587\/category\/buscar-en-toda-la-corte\/2000\/tutelas-2000\/' title='Tutelas 2000' class='pt-cv-tax-tutelas-2000'>Tutelas 2000<\/a><\/div>\n<h4 class=\"pt-cv-title\"><a href=\"https:\/\/www.dmsjuridica.com\/buscador_20179478954\/corteconstitucionalcronologico202454587\/t-1604-00\/\" class=\"_self\" target=\"_self\" >T-1604-00<\/a><\/h4>\n<div class=\"pt-cv-content\">\u00a0 \u00a0 Sentencia T-1604\/00 \u00a0 DERECHO A LA VIDA-Fundamental por conexidad \u00a0 PLAN OBLIGATORIO DE SALUD-Exclusi\u00f3n de medicamentos, tratamientos e intervenciones de alto costo \u00a0 INAPLICACION DE NORMAS DEL PLAN OBLIGATORIO DE SALUD-Casos en que procede por exclusi\u00f3n de medicamentos y tratamientos de alto costo \u00a0 Reiteraci\u00f3n de Jurisprudencia \u00a0 Referencia: expediente T-346 324. \u00a0 Acci\u00f3n de tutela instaurada por Alfredo De Jesus Loaiza Herrera contra la E.P.S. COMFENALCO Y FOSYGA. \u00a0 Magistrado ponente: \u00a0 Dr. FABIO MORON DIAZ. \u00a0 Aprobada en Bogot\u00e1 D.C., a los veinti\u00fan (21) d\u00edas del mes noviembre de dos mil (2000). \u00a0 La Sala S\u00e9ptima ...<br \/><div class=\"pt-cv-rmwrap\"><a href=\"https:\/\/www.dmsjuridica.com\/buscador_20179478954\/corteconstitucionalcronologico202454587\/t-1604-00\/\" class=\"_self pt-cv-readmore btn btn-success\" target=\"_self\">Ver Sentencia Completa...<\/a><\/div><\/div><\/div><\/div>\n<div class=\"col-md-12 col-sm-12 col-xs-12 pt-cv-content-item pt-cv-1-col\" ><div class='pt-cv-ifield'><a href=\"https:\/\/www.dmsjuridica.com\/buscador_20179478954\/corteconstitucionalcronologico202454587\/t-1603-00\/\" class=\"_self pt-cv-href-thumbnail pt-cv-thumb-default\" target=\"_self\" ><\/a>\n<div class=\"pt-cv-taxoterm above_title\"><a href='https:\/\/www.dmsjuridica.com\/buscador_20179478954\/corteconstitucionalcronologico202454587\/category\/buscar-en-toda-la-corte\/2000\/tutelas-2000\/' title='Tutelas 2000' class='pt-cv-tax-tutelas-2000'>Tutelas 2000<\/a><\/div>\n<h4 class=\"pt-cv-title\"><a href=\"https:\/\/www.dmsjuridica.com\/buscador_20179478954\/corteconstitucionalcronologico202454587\/t-1603-00\/\" class=\"_self\" target=\"_self\" >T-1603-00<\/a><\/h4>\n<div class=\"pt-cv-content\">\u00a0 \u00a0 Sentencia T-1603\/00 \u00a0 DERECHO DE PETICION-Pronta resoluci\u00f3n de recursos \u00a0 Referencia: expediente T-345590 \u00a0 Acci\u00f3n de tutela interpuesta por Maria Luz Magda Gallego Osorio \u00a0contra \u00a0\u00a0 \u00a0 ISS-Seccional Risaralda. \u00a0 Magistrado Ponente: \u00a0 Dr. FABIO MORON DIAZ\u00a0 \u00a0 Bogot\u00e1, D.C., noviembre veintiuno (21) de dos mil (2000) \u00a0\u00a0 \u00a0 \u00a0 \u00a0 La Sala S\u00e9ptima de Revisi\u00f3n de Tutelas de la Corte Constitucional, integrada por los Magistrados FABIO MORON DIAZ, CRISTINA PARDO SCHLESINGER y ALVARO TAFUR GALVIS, en ejercicio de sus competencias constitucionales y legales, ha proferido la siguiente \u00a0 SENTENCIA \u00a0 en el proceso de revisi\u00f3n de fallo ...<br \/><div class=\"pt-cv-rmwrap\"><a href=\"https:\/\/www.dmsjuridica.com\/buscador_20179478954\/corteconstitucionalcronologico202454587\/t-1603-00\/\" class=\"_self pt-cv-readmore btn btn-success\" target=\"_self\">Ver Sentencia Completa...<\/a><\/div><\/div><\/div><\/div>\n<div class=\"col-md-12 col-sm-12 col-xs-12 pt-cv-content-item pt-cv-1-col\" ><div class='pt-cv-ifield'><a href=\"https:\/\/www.dmsjuridica.com\/buscador_20179478954\/corteconstitucionalcronologico202454587\/t-1602-00\/\" class=\"_self pt-cv-href-thumbnail pt-cv-thumb-default\" target=\"_self\" ><\/a>\n<div class=\"pt-cv-taxoterm above_title\"><a href='https:\/\/www.dmsjuridica.com\/buscador_20179478954\/corteconstitucionalcronologico202454587\/category\/buscar-en-toda-la-corte\/2000\/tutelas-2000\/' title='Tutelas 2000' class='pt-cv-tax-tutelas-2000'>Tutelas 2000<\/a><\/div>\n<h4 class=\"pt-cv-title\"><a href=\"https:\/\/www.dmsjuridica.com\/buscador_20179478954\/corteconstitucionalcronologico202454587\/t-1602-00\/\" class=\"_self\" target=\"_self\" >T-1602-00<\/a><\/h4>\n<div class=\"pt-cv-content\">\u00a0 \u00a0 Sentencia T-1602\/00 \u00a0 DERECHO A LA SALUD-Fundamental por conexidad \u00a0 DERECHOS FUNDAMENTALES-Certeza sobre amenaza o vulneraci\u00f3n \u00a0 DERECHO A LA VIDA EN CONDICIONES DIGNAS Y JUSTAS \u00a0 DERECHO A LA SALUD-Pr\u00e1ctica de cirug\u00eda ocular \u00a0 Referencia: expediente T-344449 \u00a0 Acci\u00f3n de tutela interpuesta por JIMMY ANTONIO ANGARITA ORTIZ contra CAJANAL Seccional Riohacha.\u00a0 \u00a0 Magistrado Ponente: \u00a0 Bogot\u00e1, D.C., noviembre veintiuno (21) de dos mil (2000) \u00a0\u00a0 \u00a0 \u00a0 \u00a0 La Sala S\u00e9ptima de Revisi\u00f3n de Tutelas de la Corte Constitucional, integrada por los Magistrados FABIO MORON DIAZ, CRISTINA PARDO SCHLESINGER y ALVARO TAFUR GALVIS, en ejercicio de sus ...<br \/><div class=\"pt-cv-rmwrap\"><a href=\"https:\/\/www.dmsjuridica.com\/buscador_20179478954\/corteconstitucionalcronologico202454587\/t-1602-00\/\" class=\"_self pt-cv-readmore btn btn-success\" target=\"_self\">Ver Sentencia Completa...<\/a><\/div><\/div><\/div><\/div>\n<div class=\"col-md-12 col-sm-12 col-xs-12 pt-cv-content-item pt-cv-1-col\" ><div class='pt-cv-ifield'><a href=\"https:\/\/www.dmsjuridica.com\/buscador_20179478954\/corteconstitucionalcronologico202454587\/t-1601-00\/\" class=\"_self pt-cv-href-thumbnail pt-cv-thumb-default\" target=\"_self\" ><\/a>\n<div class=\"pt-cv-taxoterm above_title\"><a href='https:\/\/www.dmsjuridica.com\/buscador_20179478954\/corteconstitucionalcronologico202454587\/category\/buscar-en-toda-la-corte\/2000\/tutelas-2000\/' title='Tutelas 2000' class='pt-cv-tax-tutelas-2000'>Tutelas 2000<\/a><\/div>\n<h4 class=\"pt-cv-title\"><a href=\"https:\/\/www.dmsjuridica.com\/buscador_20179478954\/corteconstitucionalcronologico202454587\/t-1601-00\/\" class=\"_self\" target=\"_self\" >T-1601-00<\/a><\/h4>\n<div class=\"pt-cv-content\">\u00a0 \u00a0 Sentencia T-1601\/00 \u00a0 DERECHO A LA SEGURIDAD SOCIAL EN SALUD-Contenido\/DERECHO A RECIBIR LAS PRESTACIONES MEDICAS \u00a0 TRABAJADOR ASALARIADO-Suspensi\u00f3n de la afiliaci\u00f3n\/EMPLEADOR-No pago de aportes \u00a0 ENTIDAD PROMOTORA DE SALUD-Interrupci\u00f3n de servicios\/EMPLEADOR-Responsabilidad por no pago de aportes \u00a0 Referencia: expediente T-344244 \u00a0 Acci\u00f3n de tutela interpuesta por EDUARDO CENEN TORRES \u00a0CELY contra ISS-DUITAMA \u00a0 Magistrado Ponente: \u00a0 Dr. FABIO MORON DIAZ\u00a0 \u00a0 Bogot\u00e1, D.C., noviembre veintiuno (21) de dos mil (2000) \u00a0\u00a0 \u00a0 La Sala S\u00e9ptima de Revisi\u00f3n de Tutelas de la Corte Constitucional, integrada por los Magistrados FABIO MORON DIAZ, CRISTINA PARDO SCHLESINGER y ALVARO TAFUR GALVIS, en ...<br \/><div class=\"pt-cv-rmwrap\"><a href=\"https:\/\/www.dmsjuridica.com\/buscador_20179478954\/corteconstitucionalcronologico202454587\/t-1601-00\/\" class=\"_self pt-cv-readmore btn btn-success\" target=\"_self\">Ver Sentencia Completa...<\/a><\/div><\/div><\/div><\/div>\n<div class=\"col-md-12 col-sm-12 col-xs-12 pt-cv-content-item pt-cv-1-col\" ><div class='pt-cv-ifield'><a href=\"https:\/\/www.dmsjuridica.com\/buscador_20179478954\/corteconstitucionalcronologico202454587\/t-1600-00\/\" class=\"_self pt-cv-href-thumbnail pt-cv-thumb-default\" target=\"_self\" ><\/a>\n<div class=\"pt-cv-taxoterm above_title\"><a href='https:\/\/www.dmsjuridica.com\/buscador_20179478954\/corteconstitucionalcronologico202454587\/category\/buscar-en-toda-la-corte\/2000\/tutelas-2000\/' title='Tutelas 2000' class='pt-cv-tax-tutelas-2000'>Tutelas 2000<\/a><\/div>\n<h4 class=\"pt-cv-title\"><a href=\"https:\/\/www.dmsjuridica.com\/buscador_20179478954\/corteconstitucionalcronologico202454587\/t-1600-00\/\" class=\"_self\" target=\"_self\" >T-1600-00<\/a><\/h4>\n<div class=\"pt-cv-content\">\u00a0 \u00a0 Sentencia T-1600\/00 \u00a0 LICENCIA DE MATERNIDAD-Pago oportuno \u00a0 LICENCIA DE MATERNIDAD-Pago por allanamiento a la mora por EPS \u00a0 Referencia: expediente T-343970 \u00a0 Acci\u00f3n de tutela interpuesta por ALBA MARIA RANGEL \u00a0ARIAS \u00a0contra \u00a0el ISS- Seccional Bucaramanga \u00a0 Dr. FABIO MORON DIAZ\u00a0 \u00a0 Bogot\u00e1, D.C., noviembre veintiuno (21) de dos mil (2000) \u00a0\u00a0 \u00a0 \u00a0 \u00a0 La Sala S\u00e9ptima de Revisi\u00f3n de Tutelas de la Corte Constitucional, integrada por los Magistrados FABIO MORON DIAZ, CRISTINA PARDO SCHLESINGER y ALVARO TAFUR GALVIS, en ejercicio de sus competencias constitucionales y legales, ha proferido la siguiente \u00a0 SENTENCIA \u00a0 en el ...<br \/><div class=\"pt-cv-rmwrap\"><a href=\"https:\/\/www.dmsjuridica.com\/buscador_20179478954\/corteconstitucionalcronologico202454587\/t-1600-00\/\" class=\"_self pt-cv-readmore btn btn-success\" target=\"_self\">Ver Sentencia Completa...<\/a><\/div><\/div><\/div><\/div>\n<div class=\"col-md-12 col-sm-12 col-xs-12 pt-cv-content-item pt-cv-1-col\" ><div class='pt-cv-ifield'><a href=\"https:\/\/www.dmsjuridica.com\/buscador_20179478954\/corteconstitucionalcronologico202454587\/t-1599-00\/\" class=\"_self pt-cv-href-thumbnail pt-cv-thumb-default\" target=\"_self\" ><\/a>\n<div class=\"pt-cv-taxoterm above_title\"><a href='https:\/\/www.dmsjuridica.com\/buscador_20179478954\/corteconstitucionalcronologico202454587\/category\/buscar-en-toda-la-corte\/2000\/tutelas-2000\/' title='Tutelas 2000' class='pt-cv-tax-tutelas-2000'>Tutelas 2000<\/a><\/div>\n<h4 class=\"pt-cv-title\"><a href=\"https:\/\/www.dmsjuridica.com\/buscador_20179478954\/corteconstitucionalcronologico202454587\/t-1599-00\/\" class=\"_self\" target=\"_self\" >T-1599-00<\/a><\/h4>\n<div class=\"pt-cv-content\">\u00a0 \u00a0 Sentencia T-1599\/00 \u00a0 DERECHO AL PAGO OPORTUNO DEL SALARIO-Establecimiento de procedencia por el juez de tutela \u00a0 DERECHO AL MINIMO VITAL DEL TRABAJADOR-No vulneraci\u00f3n por no pago de prima t\u00e9cnica \u00a0 No es dable al juez constitucional proteger un derecho bajo un enunciado de ser posible su amparo por v\u00eda de la acci\u00f3n de tutela despreocup\u00e1ndose de entrar a analizar cada concepto en particular y si para el caso concreto se dan o n\u00f3, se demuestran o n\u00f3 los dem\u00e1s presupuestos que hagan procedente el amparo. En los casos de los expedientes acumulados para efectos del presente fallo, ...<br \/><div class=\"pt-cv-rmwrap\"><a href=\"https:\/\/www.dmsjuridica.com\/buscador_20179478954\/corteconstitucionalcronologico202454587\/t-1599-00\/\" class=\"_self pt-cv-readmore btn btn-success\" target=\"_self\">Ver Sentencia Completa...<\/a><\/div><\/div><\/div><\/div>\n<div class=\"col-md-12 col-sm-12 col-xs-12 pt-cv-content-item pt-cv-1-col\" ><div class='pt-cv-ifield'><a href=\"https:\/\/www.dmsjuridica.com\/buscador_20179478954\/corteconstitucionalcronologico202454587\/t-1598-00\/\" class=\"_self pt-cv-href-thumbnail pt-cv-thumb-default\" target=\"_self\" ><\/a>\n<div class=\"pt-cv-taxoterm above_title\"><a href='https:\/\/www.dmsjuridica.com\/buscador_20179478954\/corteconstitucionalcronologico202454587\/category\/buscar-en-toda-la-corte\/2000\/tutelas-2000\/' title='Tutelas 2000' class='pt-cv-tax-tutelas-2000'>Tutelas 2000<\/a><\/div>\n<h4 class=\"pt-cv-title\"><a href=\"https:\/\/www.dmsjuridica.com\/buscador_20179478954\/corteconstitucionalcronologico202454587\/t-1598-00\/\" class=\"_self\" target=\"_self\" >T-1598-00<\/a><\/h4>\n<div class=\"pt-cv-content\">\u00a0 \u00a0 Sentencia T-1598\/00 \u00a0 SISTEMA DE SALUD-Relaciones entre empleador y entidad de seguridad social \u00a0 DERECHO A LA SEGURIDAD SOCIAL EN SALUD-Contenido\/DERECHO A RECIBIR LAS PRESTACIONES MEDICAS \u00a0 TRABAJADOR ASALARIADO-Suspensi\u00f3n de la afiliaci\u00f3n\/EMPLEADOR-No pago de aportes \u00a0 ENTIDAD PROMOTORA DE SALUD-Interrupci\u00f3n de servicios \u00a0 MORA PATRONAL-Prestaci\u00f3n de servicios de salud primaria o subsidiaria\/ENTIDAD PROMOTORA DE SALUD-Repetici\u00f3n contra el empleador \u00a0 CAJA NACIONAL DE PREVISION SOCIAL-Atenci\u00f3n a la actora durante el periodo m\u00e1ximo de protecci\u00f3n laboral por desvinculaci\u00f3n del cargo \u00a0 Referencia: expediente T-342311 \u00a0 Acci\u00f3n de tutela interpuesta por Rubira Mercedes Nu\u00f1ez Guerra contra CAJANAL Seccional Cesar \u00a0 Magistrado ...<br \/><div class=\"pt-cv-rmwrap\"><a href=\"https:\/\/www.dmsjuridica.com\/buscador_20179478954\/corteconstitucionalcronologico202454587\/t-1598-00\/\" class=\"_self pt-cv-readmore btn btn-success\" target=\"_self\">Ver Sentencia Completa...<\/a><\/div><\/div><\/div><\/div>\n<div class=\"col-md-12 col-sm-12 col-xs-12 pt-cv-content-item pt-cv-1-col\" ><div class='pt-cv-ifield'><a href=\"https:\/\/www.dmsjuridica.com\/buscador_20179478954\/corteconstitucionalcronologico202454587\/t-1597-00\/\" class=\"_self pt-cv-href-thumbnail pt-cv-thumb-default\" target=\"_self\" ><\/a>\n<div class=\"pt-cv-taxoterm above_title\"><a href='https:\/\/www.dmsjuridica.com\/buscador_20179478954\/corteconstitucionalcronologico202454587\/category\/buscar-en-toda-la-corte\/2000\/tutelas-2000\/' title='Tutelas 2000' class='pt-cv-tax-tutelas-2000'>Tutelas 2000<\/a><\/div>\n<h4 class=\"pt-cv-title\"><a href=\"https:\/\/www.dmsjuridica.com\/buscador_20179478954\/corteconstitucionalcronologico202454587\/t-1597-00\/\" class=\"_self\" target=\"_self\" >T-1597-00<\/a><\/h4>\n<div class=\"pt-cv-content\">\u00a0 \u00a0 Sentencia T-1597\/00 \u00a0 DERECHO DE PETICION-Alcance\/DERECHO DE PETICION-N\u00facleo esencial \u00a0 BONOS PENSIONALES-Procedencia de tutela para reclamar la remisi\u00f3n \u00a0 DERECHO A LA VIDA-Remisi\u00f3n oportuna del bono pensional\/DERECHOS DE PERSONAS DE LA TERCERA EDAD-Remisi\u00f3n oportuna del bono pensional \u00a0 PENSION DE JUBILACION-No puede negarse reconocimiento si se ha emitido y expedido el bono pensional \u00a0 Referencia: expediente T-341286 \u00a0 Magistrado Ponente: \u00a0 Dr. FABIO MORON DIAZ\u00a0 \u00a0 Bogot\u00e1, D.C., \u00a0noviembre veintiuno (21) del dos mil (2000) \u00a0\u00a0 \u00a0 \u00a0 \u00a0 La Sala S\u00e9ptima de Revisi\u00f3n de Tutelas de la Corte Constitucional, integrada por los Magistrados CRISTINA PARDO SCHLESINGER (e), ...<br \/><div class=\"pt-cv-rmwrap\"><a href=\"https:\/\/www.dmsjuridica.com\/buscador_20179478954\/corteconstitucionalcronologico202454587\/t-1597-00\/\" class=\"_self pt-cv-readmore btn btn-success\" target=\"_self\">Ver Sentencia Completa...<\/a><\/div><\/div><\/div><\/div>\n<div class=\"col-md-12 col-sm-12 col-xs-12 pt-cv-content-item pt-cv-1-col\" ><div class='pt-cv-ifield'><a href=\"https:\/\/www.dmsjuridica.com\/buscador_20179478954\/corteconstitucionalcronologico202454587\/t-1596-00\/\" class=\"_self pt-cv-href-thumbnail pt-cv-thumb-default\" target=\"_self\" ><\/a>\n<div class=\"pt-cv-taxoterm above_title\"><a href='https:\/\/www.dmsjuridica.com\/buscador_20179478954\/corteconstitucionalcronologico202454587\/category\/buscar-en-toda-la-corte\/2000\/tutelas-2000\/' title='Tutelas 2000' class='pt-cv-tax-tutelas-2000'>Tutelas 2000<\/a><\/div>\n<h4 class=\"pt-cv-title\"><a href=\"https:\/\/www.dmsjuridica.com\/buscador_20179478954\/corteconstitucionalcronologico202454587\/t-1596-00\/\" class=\"_self\" target=\"_self\" >T-1596-00<\/a><\/h4>\n<div class=\"pt-cv-content\">\u00a0 \u00a0 Sentencia T-1596\/00 \u00a0 DERECHO DE PETICION-Alcance\/DERECHO DE PETICION-N\u00facleo esencial \u00a0 BONOS PENSIONALES-Procedencia de tutela para reclamar la remisi\u00f3n\/DERECHOS DE PERSONAS DE LA TERCERA EDAD-Remisi\u00f3n oportuna del bono pensional \u00a0 PENSION DE JUBILACION-No puede negarse reconocimiento si se ha emitido y expedido el bono pensional \u00a0 Referencia: expediente T-341178 \u00a0 Acci\u00f3n de tutela interpuesta por Eudocia Castro \u00a0Viuda de Gomez \u00a0contra el ISS-Seccional San Gil. \u00a0 Magistrado Ponente: \u00a0 Dr. FABIO MORON DIAZ\u00a0 \u00a0 Bogot\u00e1, D.C., noviembre veintiuno (21) de dos mil (2000). \u00a0 \u00a0 \u00a0 La Sala S\u00e9ptima de Revisi\u00f3n de Tutelas de la Corte Constitucional, integrada por ...<br \/><div class=\"pt-cv-rmwrap\"><a href=\"https:\/\/www.dmsjuridica.com\/buscador_20179478954\/corteconstitucionalcronologico202454587\/t-1596-00\/\" class=\"_self pt-cv-readmore btn btn-success\" target=\"_self\">Ver Sentencia Completa...<\/a><\/div><\/div><\/div><\/div>\n<div class=\"col-md-12 col-sm-12 col-xs-12 pt-cv-content-item pt-cv-1-col\" ><div class='pt-cv-ifield'><a href=\"https:\/\/www.dmsjuridica.com\/buscador_20179478954\/corteconstitucionalcronologico202454587\/t-1595-00\/\" class=\"_self pt-cv-href-thumbnail pt-cv-thumb-default\" target=\"_self\" ><\/a>\n<div class=\"pt-cv-taxoterm above_title\"><a href='https:\/\/www.dmsjuridica.com\/buscador_20179478954\/corteconstitucionalcronologico202454587\/category\/buscar-en-toda-la-corte\/2000\/tutelas-2000\/' title='Tutelas 2000' class='pt-cv-tax-tutelas-2000'>Tutelas 2000<\/a><\/div>\n<h4 class=\"pt-cv-title\"><a href=\"https:\/\/www.dmsjuridica.com\/buscador_20179478954\/corteconstitucionalcronologico202454587\/t-1595-00\/\" class=\"_self\" target=\"_self\" >T-1595-00<\/a><\/h4>\n<div class=\"pt-cv-content\">\u00a0 \u00a0 Sentencia T-1595\/00 \u00a0 ACCION DE TUTELA-Procedencia excepcional pago de acreencias laborales \u00a0 DERECHO AL PAGO OPORTUNO DEL SALARIO-Fundamental \u00a0 EMPLEADOR-Situaci\u00f3n econ\u00f3mica o presupuestal no es \u00f3bice para desconocer pago de salarios \u00a0 DERECHO AL MINIMO VITAL DEL TRABAJADOR-Pago oportuno de salarios \u00a0 Reiteraci\u00f3n de Jurisprudencia \u00a0 Referencia: expedientes T-336.793, T-342 419 y T-344 251. \u00a0 Acci\u00f3n de tutela instaurada por Ana Yamil Williams Nelson, Ayda Luz Monterrosa Suarez, Sandra Junieles Angarita Y Cesar Tulio Verbel Montes contra el Hospital Timothy Britton De San Andr\u00e9s Isla. \u00a0 Magistrado ponente: \u00a0 Dr. FABIO MORON DIAZ \u00a0 Aprobada en Bogot\u00e1 D.C., ...<br \/><div class=\"pt-cv-rmwrap\"><a href=\"https:\/\/www.dmsjuridica.com\/buscador_20179478954\/corteconstitucionalcronologico202454587\/t-1595-00\/\" class=\"_self pt-cv-readmore btn btn-success\" target=\"_self\">Ver Sentencia Completa...<\/a><\/div><\/div><\/div><\/div>\n<div class=\"col-md-12 col-sm-12 col-xs-12 pt-cv-content-item pt-cv-1-col\" ><div class='pt-cv-ifield'><a href=\"https:\/\/www.dmsjuridica.com\/buscador_20179478954\/corteconstitucionalcronologico202454587\/t-1594-00\/\" class=\"_self pt-cv-href-thumbnail pt-cv-thumb-default\" target=\"_self\" ><\/a>\n<div class=\"pt-cv-taxoterm above_title\"><a href='https:\/\/www.dmsjuridica.com\/buscador_20179478954\/corteconstitucionalcronologico202454587\/category\/buscar-en-toda-la-corte\/2000\/tutelas-2000\/' title='Tutelas 2000' class='pt-cv-tax-tutelas-2000'>Tutelas 2000<\/a><\/div>\n<h4 class=\"pt-cv-title\"><a href=\"https:\/\/www.dmsjuridica.com\/buscador_20179478954\/corteconstitucionalcronologico202454587\/t-1594-00\/\" class=\"_self\" target=\"_self\" >T-1594-00<\/a><\/h4>\n<div class=\"pt-cv-content\">\u00a0 \u00a0 Sentencia T-1594\/00 \u00a0 ACCION DE TUTELA-Procedencia excepcional pago de acreencias laborales \u00a0 DERECHO AL PAGO OPORTUNO DEL SALARIO-Fundamental \u00a0 ACCION DE TUTELA TRANSITORIA PARA RECLAMO DE SALARIOS-Prueba requerida de que existe perjuicio irremediable \u00a0 REMUNERACION MINIMA VITAL Y MOVIL-Medici\u00f3n que no agota el concepto \u00a0 DERECHO AL PAGO OPORTUNO DEL SALARIO-Determinaci\u00f3n de cantidades debidas y \u00f3rdenes del juez \u00a0 EMPLEADOR-Crisis econ\u00f3mica o presupuestal no es \u00f3bice para desconocer pago de salarios \u00a0 EMPLEADOR-Asunci\u00f3n de responsabilidad por mora en aportes a seguridad social \u00a0 Referencia: expedientes No. T-327071 y T-342301 (Acumulados) \u00a0 Acci\u00f3n de tutela instaurada por Humberto \u00a0Caicedo ...<br \/><div class=\"pt-cv-rmwrap\"><a href=\"https:\/\/www.dmsjuridica.com\/buscador_20179478954\/corteconstitucionalcronologico202454587\/t-1594-00\/\" class=\"_self pt-cv-readmore btn btn-success\" target=\"_self\">Ver Sentencia Completa...<\/a><\/div><\/div><\/div><\/div>\n<div class=\"col-md-12 col-sm-12 col-xs-12 pt-cv-content-item pt-cv-1-col\" ><div class='pt-cv-ifield'><a href=\"https:\/\/www.dmsjuridica.com\/buscador_20179478954\/corteconstitucionalcronologico202454587\/t-1593-00\/\" class=\"_self pt-cv-href-thumbnail pt-cv-thumb-default\" target=\"_self\" ><\/a>\n<div class=\"pt-cv-taxoterm above_title\"><a href='https:\/\/www.dmsjuridica.com\/buscador_20179478954\/corteconstitucionalcronologico202454587\/category\/buscar-en-toda-la-corte\/2000\/tutelas-2000\/' title='Tutelas 2000' class='pt-cv-tax-tutelas-2000'>Tutelas 2000<\/a><\/div>\n<h4 class=\"pt-cv-title\"><a href=\"https:\/\/www.dmsjuridica.com\/buscador_20179478954\/corteconstitucionalcronologico202454587\/t-1593-00\/\" class=\"_self\" target=\"_self\" >T-1593-00<\/a><\/h4>\n<div class=\"pt-cv-content\">\u00a0 \u00a0 Sentencia T-1593\/00 \u00a0 ACCION DE TUTELA-Hecho superado \u00a0 Reiteraci\u00f3n de Jurisprudencia \u00a0 Referencia: expediente T- 322 363. \u00a0 Acci\u00f3n de tutela instaurada por Ferned Alonso Cardona Cardona contra la E.P.S. Seguro Social-Seccional Antioquia. \u00a0 Magistrado ponente: \u00a0 Dr. FABIO MORON DIAZ \u00a0 Aprobada Bogot\u00e1 D.C., a los veinti\u00fan (21) d\u00edas del mes noviembre de dos mil (2000). \u00a0 La Sala S\u00e9ptima de Revisi\u00f3n de la Corte Constitucional, en ejercicio de sus competencias constitucionales y legales, espec\u00edficamente las previstas en los art\u00edculos 86 y 241, numeral 9, de la Constituci\u00f3n Pol\u00edtica y en el decreto 2591 de 1991, ha ...<br \/><div class=\"pt-cv-rmwrap\"><a href=\"https:\/\/www.dmsjuridica.com\/buscador_20179478954\/corteconstitucionalcronologico202454587\/t-1593-00\/\" class=\"_self pt-cv-readmore btn btn-success\" target=\"_self\">Ver Sentencia Completa...<\/a><\/div><\/div><\/div><\/div>\n<div class=\"col-md-12 col-sm-12 col-xs-12 pt-cv-content-item pt-cv-1-col\" ><div class='pt-cv-ifield'><a href=\"https:\/\/www.dmsjuridica.com\/buscador_20179478954\/corteconstitucionalcronologico202454587\/t-1592-00\/\" class=\"_self pt-cv-href-thumbnail pt-cv-thumb-default\" target=\"_self\" ><\/a>\n<div class=\"pt-cv-taxoterm above_title\"><a href='https:\/\/www.dmsjuridica.com\/buscador_20179478954\/corteconstitucionalcronologico202454587\/category\/buscar-en-toda-la-corte\/2000\/tutelas-2000\/' title='Tutelas 2000' class='pt-cv-tax-tutelas-2000'>Tutelas 2000<\/a><\/div>\n<h4 class=\"pt-cv-title\"><a href=\"https:\/\/www.dmsjuridica.com\/buscador_20179478954\/corteconstitucionalcronologico202454587\/t-1592-00\/\" class=\"_self\" target=\"_self\" >T-1592-00<\/a><\/h4>\n<div class=\"pt-cv-content\">\u00a0 \u00a0 Sentencia T-1592\/00 \u00a0 ACCION DE TUTELA CONTRA PARTICULARES-Bancos prestan un servicio p\u00fablico\/ACTIVIDAD BANCARIA-Es un servicio p\u00fablico \u00a0 DERECHO DE PETICION-Alcance y contenido \u00a0 DERECHO DE PETICION ANTE ENTIDAD FINANCIERA-Respuesta oportuna y de fondo \u00a0 Referencia: expediente T-333825 \u00a0 Acci\u00f3n de Tutela instaurada por Tito Julio Baquero Medina contra DAVIVIENDA \u00a0 Magistrado Ponente: \u00a0 Dr. FABIO MORON DIAZ\u00a0 \u00a0 Bogot\u00e1, D.C., diciembre cinco (5) del a\u00f1o dos mil (2000) \u00a0 SENTENCIA \u00a0 en el proceso de revisi\u00f3n de los fallos expedidos por el JUZGADO QUINTO CIVIL DEL CIRCUITO DE BOGOTA, de fecha 2 de mayo de 2000, despacho que ...<br \/><div class=\"pt-cv-rmwrap\"><a href=\"https:\/\/www.dmsjuridica.com\/buscador_20179478954\/corteconstitucionalcronologico202454587\/t-1592-00\/\" class=\"_self pt-cv-readmore btn btn-success\" target=\"_self\">Ver Sentencia Completa...<\/a><\/div><\/div><\/div><\/div>\n<div class=\"col-md-12 col-sm-12 col-xs-12 pt-cv-content-item pt-cv-1-col\" ><div class='pt-cv-ifield'><a href=\"https:\/\/www.dmsjuridica.com\/buscador_20179478954\/corteconstitucionalcronologico202454587\/t-1591-00\/\" class=\"_self pt-cv-href-thumbnail pt-cv-thumb-default\" target=\"_self\" ><\/a>\n<div class=\"pt-cv-taxoterm above_title\"><a href='https:\/\/www.dmsjuridica.com\/buscador_20179478954\/corteconstitucionalcronologico202454587\/category\/buscar-en-toda-la-corte\/2000\/tutelas-2000\/' title='Tutelas 2000' class='pt-cv-tax-tutelas-2000'>Tutelas 2000<\/a><\/div>\n<h4 class=\"pt-cv-title\"><a href=\"https:\/\/www.dmsjuridica.com\/buscador_20179478954\/corteconstitucionalcronologico202454587\/t-1591-00\/\" class=\"_self\" target=\"_self\" >T-1591-00<\/a><\/h4>\n<div class=\"pt-cv-content\">\u00a0 \u00a0 Sentencia T-1591\/00 \u00a0 DERECHO AL LIBRE DESARROLLO DE LA PERSONALIDAD-Corte de cabello\/DERECHO A LA EDUCACION-Corte de cabello \u00a0 COMUNIDAD EDUCATIVA-Alcance de la potestad reguladora\/REGLAMENTO EDUCATIVO-No puede desconocer libertades constitucionales consagradas \u00a0 Referencia: expediente T- 349 384 \u00a0 Acci\u00f3n de tutela instaurada por Luz Amparo Espinosa P\u00e9rez en representaci\u00f3n de su hijo Edwin Alberto Mart\u00ednez \u00a0Espinosa contra INEM Jos\u00e9 Felix Restrepo.\u00a0 \u00a0 Magistrado Ponente: \u00a0 Dr. FABIO MORON DIAZ \u00a0 Bogot\u00e1 D.C., \u00a0diecisiete (17) de noviembre de dos mil (2000). \u00a0 La Sala S\u00e9ptima de Revisi\u00f3n de la Corte Constitucional, en ejercicio de sus competencias constitucionales y legales, espec\u00edficamente ...<br \/><div class=\"pt-cv-rmwrap\"><a href=\"https:\/\/www.dmsjuridica.com\/buscador_20179478954\/corteconstitucionalcronologico202454587\/t-1591-00\/\" class=\"_self pt-cv-readmore btn btn-success\" target=\"_self\">Ver Sentencia Completa...<\/a><\/div><\/div><\/div><\/div>\n<div class=\"col-md-12 col-sm-12 col-xs-12 pt-cv-content-item pt-cv-1-col\" ><div class='pt-cv-ifield'><a href=\"https:\/\/www.dmsjuridica.com\/buscador_20179478954\/corteconstitucionalcronologico202454587\/t-1590-00\/\" class=\"_self pt-cv-href-thumbnail pt-cv-thumb-default\" target=\"_self\" ><\/a>\n<div class=\"pt-cv-taxoterm above_title\"><a href='https:\/\/www.dmsjuridica.com\/buscador_20179478954\/corteconstitucionalcronologico202454587\/category\/buscar-en-toda-la-corte\/2000\/tutelas-2000\/' title='Tutelas 2000' class='pt-cv-tax-tutelas-2000'>Tutelas 2000<\/a><\/div>\n<h4 class=\"pt-cv-title\"><a href=\"https:\/\/www.dmsjuridica.com\/buscador_20179478954\/corteconstitucionalcronologico202454587\/t-1590-00\/\" class=\"_self\" target=\"_self\" >T-1590-00<\/a><\/h4>\n<div class=\"pt-cv-content\">\u00a0 \u00a0 Sentencia T-1590\/00 \u00a0 ACCION DE TUTELA CONTRA PARTICULARES-Subordinaci\u00f3n \u00a0 ACCION DE TUTELA-Procedencia excepcional pago de acreencias laborales \u00a0 Referencia: expediente T- 346 004 \u00a0 Acci\u00f3n de tutela instaurada por Fernando Berga\u00f1o Tribi\u00f1o contra empresa de vigilancia \u201cServiphuila Ltda.\u201d\u00a0 \u00a0 Magistrado Ponente: \u00a0 Dr. FABIO MORON DIAZ \u00a0 Bogot\u00e1 D.C., diecisiete (17) de noviembre de dos mil (2000). \u00a0 La Sala S\u00e9ptima de Revisi\u00f3n de la Corte Constitucional, en ejercicio de sus competencias constitucionales y legales, espec\u00edficamente las previstas en los art\u00edculos 86 y 241, numeral 9, de la Constituci\u00f3n Pol\u00edtica y en el Decreto 2591 de 1.991, ha ...<br \/><div class=\"pt-cv-rmwrap\"><a href=\"https:\/\/www.dmsjuridica.com\/buscador_20179478954\/corteconstitucionalcronologico202454587\/t-1590-00\/\" class=\"_self pt-cv-readmore btn btn-success\" target=\"_self\">Ver Sentencia Completa...<\/a><\/div><\/div><\/div><\/div>\n<div class=\"col-md-12 col-sm-12 col-xs-12 pt-cv-content-item pt-cv-1-col\" ><div class='pt-cv-ifield'><a href=\"https:\/\/www.dmsjuridica.com\/buscador_20179478954\/corteconstitucionalcronologico202454587\/t-159-00\/\" class=\"_self pt-cv-href-thumbnail pt-cv-thumb-default\" target=\"_self\" ><\/a>\n<div class=\"pt-cv-taxoterm above_title\"><a href='https:\/\/www.dmsjuridica.com\/buscador_20179478954\/corteconstitucionalcronologico202454587\/category\/buscar-en-toda-la-corte\/2000\/tutelas-2000\/' title='Tutelas 2000' class='pt-cv-tax-tutelas-2000'>Tutelas 2000<\/a><\/div>\n<h4 class=\"pt-cv-title\"><a href=\"https:\/\/www.dmsjuridica.com\/buscador_20179478954\/corteconstitucionalcronologico202454587\/t-159-00\/\" class=\"_self\" target=\"_self\" >T-159-00<\/a><\/h4>\n<div class=\"pt-cv-content\">\u00a0 \u00a0 Sentencia T-159\/00 \u00a0 PRESUNCION DE CONTRATO DE TRABAJO-Carga de la prueba se traslada al empleador \u00a0 PRINCIPIO DE PRIMACIA DE REALIDAD SOBRE FORMALIDADES ESTABLECIDAS POR SUJETOS DE RELACIONES LABORALES-Carga de la prueba se traslada al empleador \u00a0 CONTRATO DE PRESTACION DE SERVICIOS-Disimulaci\u00f3n de verdadera relaci\u00f3n laboral por existencia de horarios de trabajo \u00a0 ACCION DE TUTELA-Procedencia excepcional pago de acreencias laborales \u00a0 MINIMO VITAL-Presunci\u00f3n de afectaci\u00f3n por prolongaci\u00f3n en el tiempo de mora patronal \u00a0 PRINCIPIO DE PRIMACIA DE REALIDAD SOBRE FORMALIDADES ESTABLECIDAS POR SUJETOS DE RELACIONES LABORALES-Pago oportuno de salarios, inscripci\u00f3n en salud y cotizaci\u00f3n para seguridad ...<br \/><div class=\"pt-cv-rmwrap\"><a href=\"https:\/\/www.dmsjuridica.com\/buscador_20179478954\/corteconstitucionalcronologico202454587\/t-159-00\/\" class=\"_self pt-cv-readmore btn btn-success\" target=\"_self\">Ver Sentencia Completa...<\/a><\/div><\/div><\/div><\/div>\n<div class=\"col-md-12 col-sm-12 col-xs-12 pt-cv-content-item pt-cv-1-col\" ><div class='pt-cv-ifield'><a href=\"https:\/\/www.dmsjuridica.com\/buscador_20179478954\/corteconstitucionalcronologico202454587\/t-1589-00\/\" class=\"_self pt-cv-href-thumbnail pt-cv-thumb-default\" target=\"_self\" ><\/a>\n<div class=\"pt-cv-taxoterm above_title\"><a href='https:\/\/www.dmsjuridica.com\/buscador_20179478954\/corteconstitucionalcronologico202454587\/category\/buscar-en-toda-la-corte\/2000\/tutelas-2000\/' title='Tutelas 2000' class='pt-cv-tax-tutelas-2000'>Tutelas 2000<\/a><\/div>\n<h4 class=\"pt-cv-title\"><a href=\"https:\/\/www.dmsjuridica.com\/buscador_20179478954\/corteconstitucionalcronologico202454587\/t-1589-00\/\" class=\"_self\" target=\"_self\" >T-1589-00<\/a><\/h4>\n<div class=\"pt-cv-content\">\u00a0 \u00a0 Sentencia T-1589\/00 \u00a0 DERECHO A LA DIGNIDAD HUMANA-Relaci\u00f3n entre la dolencia y lo pedido\/DERECHO A LA DIGNIDAD HUMANA-Suministro de art\u00edculos de aseo relacionados con la salud \u00a0 En la sentencia que se revisa, de segunda instancia, el ad-quem \u00a0no examin\u00f3 un aspecto que adquiere especial importancia: la relaci\u00f3n entre lo pedido y la dignidad humana. No examin\u00f3 que se trata de una persona con problemas de incontinencia urinaria y fecal y que la situaci\u00f3n econ\u00f3mica no le permite suministrarse los art\u00edculos de aseo que su situaci\u00f3n especial requiere. Y requiere tales pa\u00f1ales, precisamente por la enfermedad que padece ...<br \/><div class=\"pt-cv-rmwrap\"><a href=\"https:\/\/www.dmsjuridica.com\/buscador_20179478954\/corteconstitucionalcronologico202454587\/t-1589-00\/\" class=\"_self pt-cv-readmore btn btn-success\" target=\"_self\">Ver Sentencia Completa...<\/a><\/div><\/div><\/div><\/div>\n<div class=\"col-md-12 col-sm-12 col-xs-12 pt-cv-content-item pt-cv-1-col\" ><div class='pt-cv-ifield'><a href=\"https:\/\/www.dmsjuridica.com\/buscador_20179478954\/corteconstitucionalcronologico202454587\/t-1588-00\/\" class=\"_self pt-cv-href-thumbnail pt-cv-thumb-default\" target=\"_self\" ><\/a>\n<div class=\"pt-cv-taxoterm above_title\"><a href='https:\/\/www.dmsjuridica.com\/buscador_20179478954\/corteconstitucionalcronologico202454587\/category\/buscar-en-toda-la-corte\/2000\/tutelas-2000\/' title='Tutelas 2000' class='pt-cv-tax-tutelas-2000'>Tutelas 2000<\/a><\/div>\n<h4 class=\"pt-cv-title\"><a href=\"https:\/\/www.dmsjuridica.com\/buscador_20179478954\/corteconstitucionalcronologico202454587\/t-1588-00\/\" class=\"_self\" target=\"_self\" >T-1588-00<\/a><\/h4>\n<div class=\"pt-cv-content\">\u00a0 \u00a0 Sentencia T-1588\/00 \u00a0 ACCION DE TUTELA-Improcedencia por existencia de mecanismo eficaz para protecci\u00f3n de derechos\/ACCION DE TUTELA CONTRA PROVIDENCIAS JUDICIALES-Improcedencia por no ejercicio oportuno de recursos \u00a0 Referencia: expediente T-344214 \u00a0 Acci\u00f3n de tutela interpuesta por Virgilio Joya Bueno y Artemo Antonio Fontalvo Granados contra la Secci\u00f3n Segunda, Subsecci\u00f3n \u201cA\u201d de la Sala de lo Contencioso Administrativo del Consejo de Estado. \u00a0 Magistrado Ponente: \u00a0 Dr. FABIO MORON DIAZ\u00a0 \u00a0 Bogot\u00e1, D.C., noviembre diecisiete (17) de dos mil (2000) \u00a0\u00a0 \u00a0 \u00a0 \u00a0 La Sala S\u00e9ptima de Revisi\u00f3n de Tutelas de la Corte Constitucional, integrada por los Magistrados ...<br \/><div class=\"pt-cv-rmwrap\"><a href=\"https:\/\/www.dmsjuridica.com\/buscador_20179478954\/corteconstitucionalcronologico202454587\/t-1588-00\/\" class=\"_self pt-cv-readmore btn btn-success\" target=\"_self\">Ver Sentencia Completa...<\/a><\/div><\/div><\/div><\/div>\n<div class=\"col-md-12 col-sm-12 col-xs-12 pt-cv-content-item pt-cv-1-col\" ><div class='pt-cv-ifield'><a href=\"https:\/\/www.dmsjuridica.com\/buscador_20179478954\/corteconstitucionalcronologico202454587\/t-1587-00\/\" class=\"_self pt-cv-href-thumbnail pt-cv-thumb-default\" target=\"_self\" ><\/a>\n<div class=\"pt-cv-taxoterm above_title\"><a href='https:\/\/www.dmsjuridica.com\/buscador_20179478954\/corteconstitucionalcronologico202454587\/category\/buscar-en-toda-la-corte\/2000\/tutelas-2000\/' title='Tutelas 2000' class='pt-cv-tax-tutelas-2000'>Tutelas 2000<\/a><\/div>\n<h4 class=\"pt-cv-title\"><a href=\"https:\/\/www.dmsjuridica.com\/buscador_20179478954\/corteconstitucionalcronologico202454587\/t-1587-00\/\" class=\"_self\" target=\"_self\" >T-1587-00<\/a><\/h4>\n<div class=\"pt-cv-content\">DERECHO DE PETICION-Alcance\/DERECHO DE PETICION-T\u00e9rmino para resolver \u00a0 SILENCIO ADMINISTRATIVO-Inscripci\u00f3n en el escalaf\u00f3n docente \u00a0 DERECHO DE PETICION-Solicitud de ascenso en el escalaf\u00f3n docente \u00a0 La solicitud de ascenso en el escalaf\u00f3n constituye claramente un derecho de petici\u00f3n en inter\u00e9s particular mediante el cual se inicia una actuaci\u00f3n administrativa y presuponen el deber para la administraci\u00f3n de resolverlos dentro del t\u00e9rmino previsto para ello. El vencimiento del t\u00e9rmino para resolver \u00a0no exime del deber de informar por escrito las razones por las cuales no se resolvi\u00f3 en tiempo, se\u00f1alando el t\u00e9rmino en que se resolver\u00e1 de acuerdo a lo estipulado ...<br \/><div class=\"pt-cv-rmwrap\"><a href=\"https:\/\/www.dmsjuridica.com\/buscador_20179478954\/corteconstitucionalcronologico202454587\/t-1587-00\/\" class=\"_self pt-cv-readmore btn btn-success\" target=\"_self\">Ver Sentencia Completa...<\/a><\/div><\/div><\/div><\/div>\n<div class=\"col-md-12 col-sm-12 col-xs-12 pt-cv-content-item pt-cv-1-col\" ><div class='pt-cv-ifield'><a href=\"https:\/\/www.dmsjuridica.com\/buscador_20179478954\/corteconstitucionalcronologico202454587\/t-1586-00\/\" class=\"_self pt-cv-href-thumbnail pt-cv-thumb-default\" target=\"_self\" ><\/a>\n<div class=\"pt-cv-taxoterm above_title\"><a href='https:\/\/www.dmsjuridica.com\/buscador_20179478954\/corteconstitucionalcronologico202454587\/category\/buscar-en-toda-la-corte\/2000\/tutelas-2000\/' title='Tutelas 2000' class='pt-cv-tax-tutelas-2000'>Tutelas 2000<\/a><\/div>\n<h4 class=\"pt-cv-title\"><a href=\"https:\/\/www.dmsjuridica.com\/buscador_20179478954\/corteconstitucionalcronologico202454587\/t-1586-00\/\" class=\"_self\" target=\"_self\" >T-1586-00<\/a><\/h4>\n<div class=\"pt-cv-content\">\u00a0 \u00a0 Sentencia T-1586\/00 \u00a0 ACCION DE TUTELA CONTRA PARTICULARES-Subordinaci\u00f3n \u00a0 ACCION DE TUTELA-Procedencia excepcional pago de acreencias laborales \u00a0 DERECHO AL PAGO OPORTUNO DEL SALARIO-Fundamental \u00a0 Referencia: expediente T- 340 680 \u00a0 Acci\u00f3n de tutela instaurada por \u00a0Jairo Jos\u00e9 Arenilla Rojas, Henry Rafael de Alba, Berenice del Carmen Epalza, Juana de Dios Orozco Villa, Mar\u00eda de los Angeles Vargas Cardona, Concepci\u00f3n Astrid Gale de Torres, Jackeline Esther Guti\u00e9rrez Jim\u00e9nez, Orfelina Mar\u00eda Arroyo G\u00f3mez, Fanny Godoy Marriaga, por intermedio de apoderado, contra Procesadora de Pastas del Caribe, Pastas Alimenticias Pugliese.\u00a0 \u00a0 Magistrado Ponente: \u00a0 Dr. FABIO MORON DIAZ \u00a0 Bogot\u00e1 ...<br \/><div class=\"pt-cv-rmwrap\"><a href=\"https:\/\/www.dmsjuridica.com\/buscador_20179478954\/corteconstitucionalcronologico202454587\/t-1586-00\/\" class=\"_self pt-cv-readmore btn btn-success\" target=\"_self\">Ver Sentencia Completa...<\/a><\/div><\/div><\/div><\/div>\n<div class=\"col-md-12 col-sm-12 col-xs-12 pt-cv-content-item pt-cv-1-col\" ><div class='pt-cv-ifield'><a href=\"https:\/\/www.dmsjuridica.com\/buscador_20179478954\/corteconstitucionalcronologico202454587\/t-1585-00\/\" class=\"_self pt-cv-href-thumbnail pt-cv-thumb-default\" target=\"_self\" ><\/a>\n<div class=\"pt-cv-taxoterm above_title\"><a href='https:\/\/www.dmsjuridica.com\/buscador_20179478954\/corteconstitucionalcronologico202454587\/category\/buscar-en-toda-la-corte\/2000\/tutelas-2000\/' title='Tutelas 2000' class='pt-cv-tax-tutelas-2000'>Tutelas 2000<\/a><\/div>\n<h4 class=\"pt-cv-title\"><a href=\"https:\/\/www.dmsjuridica.com\/buscador_20179478954\/corteconstitucionalcronologico202454587\/t-1585-00\/\" class=\"_self\" target=\"_self\" >T-1585-00<\/a><\/h4>\n<div class=\"pt-cv-content\">\u00a0 \u00a0 Sentencia T-1585\/00 \u00a0 DERECHO A LA SALUD-Fundamental por conexidad con la vida \u00a0 SISTEMA DE SALUD-Relaciones entre empleador y entidad de seguridad social \u00a0 TRABAJADOR ASALARIADO-Suspensi\u00f3n de la afiliaci\u00f3n \u00a0 ENTIDAD PROMOTORA DE SALUD-Obligaci\u00f3n de cobrar aportes al empleador \u00a0 ACCION DE TUTELA-Hecho superado \u00a0 Referencia: expediente T- 339739 \u00a0 Acci\u00f3n de tutela instaurada por Silena Correa Jim\u00e9nez contra el Seguro Social y Alcald\u00eda Municipal de Magangu\u00e9. \u00a0 Magistrado Ponente: \u00a0 Dr. FABIO MORON DIAZ \u00a0 Bogot\u00e1 D.C., \u00a0diecisiete (17) de noviembre de dos mil (2000). \u00a0 La Sala S\u00e9ptima de Revisi\u00f3n de la Corte Constitucional, en ejercicio ...<br \/><div class=\"pt-cv-rmwrap\"><a href=\"https:\/\/www.dmsjuridica.com\/buscador_20179478954\/corteconstitucionalcronologico202454587\/t-1585-00\/\" class=\"_self pt-cv-readmore btn btn-success\" target=\"_self\">Ver Sentencia Completa...<\/a><\/div><\/div><\/div><\/div>\n<div class=\"col-md-12 col-sm-12 col-xs-12 pt-cv-content-item pt-cv-1-col\" ><div class='pt-cv-ifield'><a href=\"https:\/\/www.dmsjuridica.com\/buscador_20179478954\/corteconstitucionalcronologico202454587\/t-1584-00\/\" class=\"_self pt-cv-href-thumbnail pt-cv-thumb-default\" target=\"_self\" ><\/a>\n<div class=\"pt-cv-taxoterm above_title\"><a href='https:\/\/www.dmsjuridica.com\/buscador_20179478954\/corteconstitucionalcronologico202454587\/category\/buscar-en-toda-la-corte\/2000\/tutelas-2000\/' title='Tutelas 2000' class='pt-cv-tax-tutelas-2000'>Tutelas 2000<\/a><\/div>\n<h4 class=\"pt-cv-title\"><a href=\"https:\/\/www.dmsjuridica.com\/buscador_20179478954\/corteconstitucionalcronologico202454587\/t-1584-00\/\" class=\"_self\" target=\"_self\" >T-1584-00<\/a><\/h4>\n<div class=\"pt-cv-content\">\u00a0 \u00a0 Sentencia T-1584\/00 \u00a0 ACCION DE TUTELA-Procedencia excepcional pago de acreencias laborales \u00a0 DERECHO AL PAGO OPORTUNO DEL SALARIO-Fundamental \u00a0 ACCION DE TUTELA PARA RECLAMO DE SALARIOS-Prueba requerida de que existe perjuicio irremediable \u00a0 DERECHO AL PAGO OPORTUNO DEL SALARIO-Determinaci\u00f3n de cantidades debidas y \u00f3rdenes del juez \u00a0 EMPLEADOR-Situaci\u00f3n econ\u00f3mica o presupuestal no es \u00f3bice para desconocer pago de salarios \u00a0 EMPLEADOR-Asunci\u00f3n de responsabilidad por mora en aportes a seguridad social \u00a0 Referencia: expediente T-327806 \u00a0 Acci\u00f3n de tutela interpuesta por Orlando \u00a0Cabrera y Otros contra la Empresa PARRISH &amp; CIA S.A. \u00a0 Magistrado Ponente: \u00a0 Dr. FABIO MORON ...<br \/><div class=\"pt-cv-rmwrap\"><a href=\"https:\/\/www.dmsjuridica.com\/buscador_20179478954\/corteconstitucionalcronologico202454587\/t-1584-00\/\" class=\"_self pt-cv-readmore btn btn-success\" target=\"_self\">Ver Sentencia Completa...<\/a><\/div><\/div><\/div><\/div>\n<div class=\"col-md-12 col-sm-12 col-xs-12 pt-cv-content-item pt-cv-1-col\" ><div class='pt-cv-ifield'><a href=\"https:\/\/www.dmsjuridica.com\/buscador_20179478954\/corteconstitucionalcronologico202454587\/t-1583-00\/\" class=\"_self pt-cv-href-thumbnail pt-cv-thumb-default\" target=\"_self\" ><\/a>\n<div class=\"pt-cv-taxoterm above_title\"><a href='https:\/\/www.dmsjuridica.com\/buscador_20179478954\/corteconstitucionalcronologico202454587\/category\/buscar-en-toda-la-corte\/2000\/tutelas-2000\/' title='Tutelas 2000' class='pt-cv-tax-tutelas-2000'>Tutelas 2000<\/a><\/div>\n<h4 class=\"pt-cv-title\"><a href=\"https:\/\/www.dmsjuridica.com\/buscador_20179478954\/corteconstitucionalcronologico202454587\/t-1583-00\/\" class=\"_self\" target=\"_self\" >T-1583-00<\/a><\/h4>\n<div class=\"pt-cv-content\">\u00a0 \u00a0 Sentencia T-1583\/00 \u00a0 DERECHO A LA SEGURIDAD SOCIAL-Mora en aportes por empleador \u00a0 EMPLEADOR-Asunci\u00f3n de responsabilidad por mora en aportes en salud y seguridad social \u00a0 Referencia: expediente T- 326 033\u00a0 \u00a0 Acci\u00f3n de tutela instaurada por Yuri Enrique Neira Salamanca contra Servicios de Seguros Red Ltda.\u00a0 \u00a0 Magistrado Ponente: \u00a0 Dr. FABIO MORON DIAZ \u00a0 Bogot\u00e1 D.C., diecisiete \u00a0(17) de \u00a0noviembre de dos mil (2000). \u00a0 La Sala S\u00e9ptima de Revisi\u00f3n de la Corte Constitucional, en ejercicio de sus competencias constitucionales y legales, espec\u00edficamente las previstas en los art\u00edculos 86 y 241, numeral 9, de la Constituci\u00f3n ...<br \/><div class=\"pt-cv-rmwrap\"><a href=\"https:\/\/www.dmsjuridica.com\/buscador_20179478954\/corteconstitucionalcronologico202454587\/t-1583-00\/\" class=\"_self pt-cv-readmore btn btn-success\" target=\"_self\">Ver Sentencia Completa...<\/a><\/div><\/div><\/div><\/div>\n<div class=\"col-md-12 col-sm-12 col-xs-12 pt-cv-content-item pt-cv-1-col\" ><div class='pt-cv-ifield'><a href=\"https:\/\/www.dmsjuridica.com\/buscador_20179478954\/corteconstitucionalcronologico202454587\/t-1582-00\/\" class=\"_self pt-cv-href-thumbnail pt-cv-thumb-default\" target=\"_self\" ><\/a>\n<div class=\"pt-cv-taxoterm above_title\"><a href='https:\/\/www.dmsjuridica.com\/buscador_20179478954\/corteconstitucionalcronologico202454587\/category\/buscar-en-toda-la-corte\/2000\/tutelas-2000\/' title='Tutelas 2000' class='pt-cv-tax-tutelas-2000'>Tutelas 2000<\/a><\/div>\n<h4 class=\"pt-cv-title\"><a href=\"https:\/\/www.dmsjuridica.com\/buscador_20179478954\/corteconstitucionalcronologico202454587\/t-1582-00\/\" class=\"_self\" target=\"_self\" >T-1582-00<\/a><\/h4>\n<div class=\"pt-cv-content\">\u00a0 \u00a0 Sentencia T-1582\/00 \u00a0 ACCION DE TUTELA-Procedencia excepcional pago de salarios \u00a0 DERECHO AL PAGO OPORTUNO DEL SALARIO-Fundamental \u00a0 EMPLEADOR-Falta de presupuesto o insolvencia para pago oportuno de salarios no es raz\u00f3n suficiente \u00a0 Referencia: expedientes T-359831 y T-359845 (Acumulados). \u00a0 Acci\u00f3n de tutela interpuesta por \u00a0Lorena Sanchez Rubio y Julio Mu\u00f1oz Buritica, contra el Hospital Federico Lleras Acosta. \u00a0 \u00a0 Magistrado Ponente: \u00a0 Dr. FABIO MORON DIAZ\u00a0 \u00a0 \u00a0 \u00a0 La Sala S\u00e9ptima de Revisi\u00f3n de Tutelas de la Corte Constitucional, integrada por los Magistrados CRISTINA PARDO SCHLESINGER (e), ALVARO TAFUR GALVIS y FABIO MORON DIAZ, en ejercicio ...<br \/><div class=\"pt-cv-rmwrap\"><a href=\"https:\/\/www.dmsjuridica.com\/buscador_20179478954\/corteconstitucionalcronologico202454587\/t-1582-00\/\" class=\"_self pt-cv-readmore btn btn-success\" target=\"_self\">Ver Sentencia Completa...<\/a><\/div><\/div><\/div><\/div>\n<div class=\"col-md-12 col-sm-12 col-xs-12 pt-cv-content-item pt-cv-1-col\" ><div class='pt-cv-ifield'><a href=\"https:\/\/www.dmsjuridica.com\/buscador_20179478954\/corteconstitucionalcronologico202454587\/t-1581-00\/\" class=\"_self pt-cv-href-thumbnail pt-cv-thumb-default\" target=\"_self\" ><\/a>\n<div class=\"pt-cv-taxoterm above_title\"><a href='https:\/\/www.dmsjuridica.com\/buscador_20179478954\/corteconstitucionalcronologico202454587\/category\/buscar-en-toda-la-corte\/2000\/tutelas-2000\/' title='Tutelas 2000' class='pt-cv-tax-tutelas-2000'>Tutelas 2000<\/a><\/div>\n<h4 class=\"pt-cv-title\"><a href=\"https:\/\/www.dmsjuridica.com\/buscador_20179478954\/corteconstitucionalcronologico202454587\/t-1581-00\/\" class=\"_self\" target=\"_self\" >T-1581-00<\/a><\/h4>\n<div class=\"pt-cv-content\">\u00a0 \u00a0 Sentencia T-1581\/00 \u00a0 ACCION DE TUTELA-Procedencia excepcional pago de acreencias laborales \u00a0 PRESUNCION DE VERACIDAD-Sustento \u00a0 Referencia: expediente T-357109 \u00a0 Acci\u00f3n de tutela instaurada por Jos\u00e9 Antonio Viloria Mercado y Otros contra el Municipio de Aracataca - Magdalena. \u00a0 Magistrado Ponente: \u00a0 Dr. FABIO MORON DIAZ\u00a0 \u00a0 Bogot\u00e1, D.C., noviembre catorce (14) del dos mil (2000) \u00a0 \u00a0 La Sala S\u00e9ptima de Revisi\u00f3n de Tutelas de la Corte Constitucional, integrada por los Magistrados CRISTINA PARDO SCHLESINGER (e), ALVARO TAFUR GALVIS y FABIO MORON DIAZ, en ejercicio de sus competencias constitucionales y legales, ha proferido la siguiente \u00a0 SENTENCIA ...<br \/><div class=\"pt-cv-rmwrap\"><a href=\"https:\/\/www.dmsjuridica.com\/buscador_20179478954\/corteconstitucionalcronologico202454587\/t-1581-00\/\" class=\"_self pt-cv-readmore btn btn-success\" target=\"_self\">Ver Sentencia Completa...<\/a><\/div><\/div><\/div><\/div>\n<div class=\"col-md-12 col-sm-12 col-xs-12 pt-cv-content-item pt-cv-1-col\" ><div class='pt-cv-ifield'><a href=\"https:\/\/www.dmsjuridica.com\/buscador_20179478954\/corteconstitucionalcronologico202454587\/t-1580-00\/\" class=\"_self pt-cv-href-thumbnail pt-cv-thumb-default\" target=\"_self\" ><\/a>\n<div class=\"pt-cv-taxoterm above_title\"><a href='https:\/\/www.dmsjuridica.com\/buscador_20179478954\/corteconstitucionalcronologico202454587\/category\/buscar-en-toda-la-corte\/2000\/tutelas-2000\/' title='Tutelas 2000' class='pt-cv-tax-tutelas-2000'>Tutelas 2000<\/a><\/div>\n<h4 class=\"pt-cv-title\"><a href=\"https:\/\/www.dmsjuridica.com\/buscador_20179478954\/corteconstitucionalcronologico202454587\/t-1580-00\/\" class=\"_self\" target=\"_self\" >T-1580-00<\/a><\/h4>\n<div class=\"pt-cv-content\">\u00a0 \u00a0 Sentencia T-1580\/00 \u00a0 Referencia: expediente T-355172 \u00a0 Magistrado Ponente: \u00a0 Dr. FABIO MORON DIAZ\u00a0 \u00a0 Bogot\u00e1, D.C., noviembre catorce (14) de dos mil (2000) \u00a0 \u00a0 La Sala S\u00e9ptima de Revisi\u00f3n de Tutelas de la Corte Constitucional, integrada por los Magistrados CRISTINA PARDO SCHLESINGER (e), ALVARO TAFUR GALVIS y FABIO MORON DIAZ, en ejercicio de sus competencias constitucionales y legales, ha proferido la siguiente \u00a0 SENTENCIA \u00a0 en el proceso de revisi\u00f3n de los fallos proferidos por el Juzgado Civil Municipal de La Ceja, Antioquia y el Juzgado Civil del Circuito de La Ceja, Antioquia, dentro de la ...<br \/><div class=\"pt-cv-rmwrap\"><a href=\"https:\/\/www.dmsjuridica.com\/buscador_20179478954\/corteconstitucionalcronologico202454587\/t-1580-00\/\" class=\"_self pt-cv-readmore btn btn-success\" target=\"_self\">Ver Sentencia Completa...<\/a><\/div><\/div><\/div><\/div>\n<div class=\"col-md-12 col-sm-12 col-xs-12 pt-cv-content-item pt-cv-1-col\" ><div class='pt-cv-ifield'><a href=\"https:\/\/www.dmsjuridica.com\/buscador_20179478954\/corteconstitucionalcronologico202454587\/t-158-00\/\" class=\"_self pt-cv-href-thumbnail pt-cv-thumb-default\" target=\"_self\" ><\/a>\n<div class=\"pt-cv-taxoterm above_title\"><a href='https:\/\/www.dmsjuridica.com\/buscador_20179478954\/corteconstitucionalcronologico202454587\/category\/buscar-en-toda-la-corte\/2000\/tutelas-2000\/' title='Tutelas 2000' class='pt-cv-tax-tutelas-2000'>Tutelas 2000<\/a><\/div>\n<h4 class=\"pt-cv-title\"><a href=\"https:\/\/www.dmsjuridica.com\/buscador_20179478954\/corteconstitucionalcronologico202454587\/t-158-00\/\" class=\"_self\" target=\"_self\" >T-158-00<\/a><\/h4>\n<div class=\"pt-cv-content\">\u00a0 \u00a0 Sentencia T-158\/00 \u00a0 ACCION DE TUTELA-Procedencia excepcional pago de acreencias laborales \u00a0 ESTABLECIMIENTO HOSPITALARIO-Situaci\u00f3n econ\u00f3mica o presupuestal no es \u00f3bice para desconocer obligaciones laborales \u00a0 DERECHO AL MINIMO VITAL DEL TRABAJADOR-Pago oportuno de salarios \u00a0 Referencia: expedientes T-254424 \u00a0 Acci\u00f3n de Tutela instaurada por Rosalba Galvis G\u00f3mez contra el Hospital Universitario \"San Jos\u00e9\" de Popay\u00e1n \u00a0 Magistrado Ponente: \u00a0 Dr. JOS\u00c9 GREGORIO HERN\u00c1NDEZ GALINDO \u00a0 Santaf\u00e9 de Bogot\u00e1 D.C., veintid\u00f3s (22) de febrero de dos mil (2000). \u00a0 La Sala Quinta de Revisi\u00f3n de la Corte Constitucional, en ejercicio de sus competencias constitucionales y legales, espec\u00edficamente las previstas ...<br \/><div class=\"pt-cv-rmwrap\"><a href=\"https:\/\/www.dmsjuridica.com\/buscador_20179478954\/corteconstitucionalcronologico202454587\/t-158-00\/\" class=\"_self pt-cv-readmore btn btn-success\" target=\"_self\">Ver Sentencia Completa...<\/a><\/div><\/div><\/div><\/div>\n<div class=\"col-md-12 col-sm-12 col-xs-12 pt-cv-content-item pt-cv-1-col\" ><div class='pt-cv-ifield'><a href=\"https:\/\/www.dmsjuridica.com\/buscador_20179478954\/corteconstitucionalcronologico202454587\/t-1579-00\/\" class=\"_self pt-cv-href-thumbnail pt-cv-thumb-default\" target=\"_self\" ><\/a>\n<div class=\"pt-cv-taxoterm above_title\"><a href='https:\/\/www.dmsjuridica.com\/buscador_20179478954\/corteconstitucionalcronologico202454587\/category\/buscar-en-toda-la-corte\/2000\/tutelas-2000\/' title='Tutelas 2000' class='pt-cv-tax-tutelas-2000'>Tutelas 2000<\/a><\/div>\n<h4 class=\"pt-cv-title\"><a href=\"https:\/\/www.dmsjuridica.com\/buscador_20179478954\/corteconstitucionalcronologico202454587\/t-1579-00\/\" class=\"_self\" target=\"_self\" >T-1579-00<\/a><\/h4>\n<div class=\"pt-cv-content\">\u00a0 \u00a0 Sentencia T-1579\/00 \u00a0 DERECHO A LA SALUD-Fundamental por conexidad \u00a0 DERECHO A LA SALUD-Protecci\u00f3n preventiva y no solo en casos de gravedad \u00a0 DERECHO A LA SALUD-Ex\u00e1menes excluidos del POS \u00a0 REGIMEN SUBSIDIADO EN SALUD-Pr\u00e1ctica de ex\u00e1menes a persona de escasos recursos \u00a0 Referencia: expediente T-353571 \u00a0 Acci\u00f3n de Tutela instaurada por BERTHA CIRA RODRIGUEZ DE DIAZ en nombre y representaci\u00f3n de su hermana ANA YLIA BOLA\u00d1OS RODRIGUEZ, contra LA ASOCIACION MUTUAL PROSALUD CAMPESINA DE MERCADERES, CAUCA.\u00a0 \u00a0 Magistrado Ponente: \u00a0 Dr. FABIO MORON DIAZ\u00a0 \u00a0 Bogot\u00e1, D.C., noviembre catorce (14) del a\u00f1o dos mil (2000) \u00a0 La ...<br \/><div class=\"pt-cv-rmwrap\"><a href=\"https:\/\/www.dmsjuridica.com\/buscador_20179478954\/corteconstitucionalcronologico202454587\/t-1579-00\/\" class=\"_self pt-cv-readmore btn btn-success\" target=\"_self\">Ver Sentencia Completa...<\/a><\/div><\/div><\/div><\/div>\n<div class=\"col-md-12 col-sm-12 col-xs-12 pt-cv-content-item pt-cv-1-col\" ><div class='pt-cv-ifield'><a href=\"https:\/\/www.dmsjuridica.com\/buscador_20179478954\/corteconstitucionalcronologico202454587\/t-1578-00\/\" class=\"_self pt-cv-href-thumbnail pt-cv-thumb-default\" target=\"_self\" ><\/a>\n<div class=\"pt-cv-taxoterm above_title\"><a href='https:\/\/www.dmsjuridica.com\/buscador_20179478954\/corteconstitucionalcronologico202454587\/category\/buscar-en-toda-la-corte\/2000\/tutelas-2000\/' title='Tutelas 2000' class='pt-cv-tax-tutelas-2000'>Tutelas 2000<\/a><\/div>\n<h4 class=\"pt-cv-title\"><a href=\"https:\/\/www.dmsjuridica.com\/buscador_20179478954\/corteconstitucionalcronologico202454587\/t-1578-00\/\" class=\"_self\" target=\"_self\" >T-1578-00<\/a><\/h4>\n<div class=\"pt-cv-content\">\u00a0 \u00a0 Sentencia T-1578\/00 \u00a0 MEDIO DE DEFENSA JUDICIAL-Controversias sobre r\u00e9gimen aplicable en materia de pensi\u00f3n de jubilaci\u00f3n \u00a0 El hecho de que la solicitud de reconocimiento y pago de la pensi\u00f3n de la actora haya sido resuelta negativamente, no implica, como se anot\u00f3 antes, que se haya vulnerado su derecho de petici\u00f3n, como tampoco significa que su derecho a la seguridad social haya sido transgredido; si la accionante considera que la negativa de la entidad demandada, consignada en la resoluci\u00f3n citada, es contraria a derecho o violatoria del ordenamiento legal, ella puede acudir a la jurisdicci\u00f3n de lo contencioso ...<br \/><div class=\"pt-cv-rmwrap\"><a href=\"https:\/\/www.dmsjuridica.com\/buscador_20179478954\/corteconstitucionalcronologico202454587\/t-1578-00\/\" class=\"_self pt-cv-readmore btn btn-success\" target=\"_self\">Ver Sentencia Completa...<\/a><\/div><\/div><\/div><\/div>\n<div class=\"col-md-12 col-sm-12 col-xs-12 pt-cv-content-item pt-cv-1-col\" ><div class='pt-cv-ifield'><a href=\"https:\/\/www.dmsjuridica.com\/buscador_20179478954\/corteconstitucionalcronologico202454587\/t-1577-00\/\" class=\"_self pt-cv-href-thumbnail pt-cv-thumb-default\" target=\"_self\" ><\/a>\n<div class=\"pt-cv-taxoterm above_title\"><a href='https:\/\/www.dmsjuridica.com\/buscador_20179478954\/corteconstitucionalcronologico202454587\/category\/buscar-en-toda-la-corte\/2000\/tutelas-2000\/' title='Tutelas 2000' class='pt-cv-tax-tutelas-2000'>Tutelas 2000<\/a><\/div>\n<h4 class=\"pt-cv-title\"><a href=\"https:\/\/www.dmsjuridica.com\/buscador_20179478954\/corteconstitucionalcronologico202454587\/t-1577-00\/\" class=\"_self\" target=\"_self\" >T-1577-00<\/a><\/h4>\n<div class=\"pt-cv-content\">\u00a0 \u00a0 Sentencia T-1577\/00 \u00a0 DERECHO DE PETICION-Improcedencia por respuesta oportuna y de fondo \u00a0 DERECHO A LA EDUCACION-Requisito de edad para selecci\u00f3n de alumnos a determinado grado\/DERECHO A LA IGUALDAD DE ESTUDIANTE-Discriminaci\u00f3n por trato diferente en raz\u00f3n de la edad \u00a0 TEST DE IGUALDAD-Aplicaci\u00f3n \u00a0 TEST DE IGUALDAD-Objetivo perseguido a trav\u00e9s del trato desigual \u00a0 La distinci\u00f3n que las entidades demandadas vienen aplicando en la admisi\u00f3n de los estudiantes, no obedecer\u00eda al mero capricho de los funcionarios, sino que buscar\u00eda alcanzar un objetivo claramente encuadrable entre las metas propias del servicio p\u00fablico de la educaci\u00f3n, de acuerdo con el ...<br \/><div class=\"pt-cv-rmwrap\"><a href=\"https:\/\/www.dmsjuridica.com\/buscador_20179478954\/corteconstitucionalcronologico202454587\/t-1577-00\/\" class=\"_self pt-cv-readmore btn btn-success\" target=\"_self\">Ver Sentencia Completa...<\/a><\/div><\/div><\/div><\/div>\n<div class=\"col-md-12 col-sm-12 col-xs-12 pt-cv-content-item pt-cv-1-col\" ><div class='pt-cv-ifield'><a href=\"https:\/\/www.dmsjuridica.com\/buscador_20179478954\/corteconstitucionalcronologico202454587\/t-1576-00\/\" class=\"_self pt-cv-href-thumbnail pt-cv-thumb-default\" target=\"_self\" ><\/a>\n<div class=\"pt-cv-taxoterm above_title\"><a href='https:\/\/www.dmsjuridica.com\/buscador_20179478954\/corteconstitucionalcronologico202454587\/category\/buscar-en-toda-la-corte\/2000\/tutelas-2000\/' title='Tutelas 2000' class='pt-cv-tax-tutelas-2000'>Tutelas 2000<\/a><\/div>\n<h4 class=\"pt-cv-title\"><a href=\"https:\/\/www.dmsjuridica.com\/buscador_20179478954\/corteconstitucionalcronologico202454587\/t-1576-00\/\" class=\"_self\" target=\"_self\" >T-1576-00<\/a><\/h4>\n<div class=\"pt-cv-content\">\u00a0 \u00a0 Sentencia T-1576\/00 \u00a0 DERECHO DE PETICION-Alcance\/DERECHO DE PETICION-N\u00facleo esencial \u00a0 BONOS PENSIONALES-Procedencia de tutela para reclamar la remisi\u00f3n \u00a0 PENSION DE VEJEZ-Protecci\u00f3n constitucional \u00a0 PENSION DE JUBILACION-No puede negarse reconocimiento si se ha emitido y expedido el bono pensional \u00a0 Referencia: expediente T-342058 \u00a0 Acci\u00f3n de tutela interpuesta por Ruth Marina Toro Henao contra \u00a0el Seguro Social -Seccional Medell\u00edn-. \u00a0 \u00a0 Magistrado Ponente: \u00a0 Dr. FABIO MORON DIAZ\u00a0 \u00a0 Bogot\u00e1, D.C., noviembre catorce (14) de dos mil (2000) \u00a0\u00a0 \u00a0 \u00a0 \u00a0 La Sala S\u00e9ptima de Revisi\u00f3n de Tutelas de la Corte Constitucional, integrada por los Magistrados FABIO ...<br \/><div class=\"pt-cv-rmwrap\"><a href=\"https:\/\/www.dmsjuridica.com\/buscador_20179478954\/corteconstitucionalcronologico202454587\/t-1576-00\/\" class=\"_self pt-cv-readmore btn btn-success\" target=\"_self\">Ver Sentencia Completa...<\/a><\/div><\/div><\/div><\/div>\n<div class=\"col-md-12 col-sm-12 col-xs-12 pt-cv-content-item pt-cv-1-col\" ><div class='pt-cv-ifield'><a href=\"https:\/\/www.dmsjuridica.com\/buscador_20179478954\/corteconstitucionalcronologico202454587\/t-1575-00\/\" class=\"_self pt-cv-href-thumbnail pt-cv-thumb-default\" target=\"_self\" ><\/a>\n<div class=\"pt-cv-taxoterm above_title\"><a href='https:\/\/www.dmsjuridica.com\/buscador_20179478954\/corteconstitucionalcronologico202454587\/category\/buscar-en-toda-la-corte\/2000\/tutelas-2000\/' title='Tutelas 2000' class='pt-cv-tax-tutelas-2000'>Tutelas 2000<\/a><\/div>\n<h4 class=\"pt-cv-title\"><a href=\"https:\/\/www.dmsjuridica.com\/buscador_20179478954\/corteconstitucionalcronologico202454587\/t-1575-00\/\" class=\"_self\" target=\"_self\" >T-1575-00<\/a><\/h4>\n<div class=\"pt-cv-content\">\u00a0 \u00a0 Sentencia T-1575\/00 \u00a0 DERECHO AL PAGO OPORTUNO DEL SALARIO-Fundamental \u00a0 REMUNERACION MINIMA VITAL Y MOVIL-Alcance \u00a0 ACCION DE TUTELA-Criterios de procedencia para el pago cumplido de salarios\/DERECHO A LA SUBSISTENCIA-Retribuci\u00f3n salarial \u00a0 ACCION DE TUTELA CONTRA PARTICULARES-Prestaci\u00f3n de servicio p\u00fablico de educaci\u00f3n \u00a0 EMPLEADOR-Situaci\u00f3n econ\u00f3mica o presupuestal no es \u00f3bice para desconocer obligaciones laborales \u00a0 El hecho de que las directivas del colegio accionado le hayan advertido a sus docentes de las dificultades econ\u00f3micas y financieras por las que atraviesan y expresamente les hayan manifestado que \u201csi la forma de pago\u201d no les serv\u00eda pod\u00edan retirarse, no la ...<br \/><div class=\"pt-cv-rmwrap\"><a href=\"https:\/\/www.dmsjuridica.com\/buscador_20179478954\/corteconstitucionalcronologico202454587\/t-1575-00\/\" class=\"_self pt-cv-readmore btn btn-success\" target=\"_self\">Ver Sentencia Completa...<\/a><\/div><\/div><\/div><\/div>\n<div class=\"col-md-12 col-sm-12 col-xs-12 pt-cv-content-item pt-cv-1-col\" ><div class='pt-cv-ifield'><a href=\"https:\/\/www.dmsjuridica.com\/buscador_20179478954\/corteconstitucionalcronologico202454587\/t-1574-00\/\" class=\"_self pt-cv-href-thumbnail pt-cv-thumb-default\" target=\"_self\" ><\/a>\n<div class=\"pt-cv-taxoterm above_title\"><a href='https:\/\/www.dmsjuridica.com\/buscador_20179478954\/corteconstitucionalcronologico202454587\/category\/buscar-en-toda-la-corte\/2000\/tutelas-2000\/' title='Tutelas 2000' class='pt-cv-tax-tutelas-2000'>Tutelas 2000<\/a><\/div>\n<h4 class=\"pt-cv-title\"><a href=\"https:\/\/www.dmsjuridica.com\/buscador_20179478954\/corteconstitucionalcronologico202454587\/t-1574-00\/\" class=\"_self\" target=\"_self\" >T-1574-00<\/a><\/h4>\n<div class=\"pt-cv-content\">\u00a0 \u00a0 Sentencia T-1574\/00 \u00a0 ACCION DE TUTELA CONTRA PROVIDENCIAS JUDICIALES-Procedencia excepcional por v\u00eda de hecho judicial \u00a0 ACCION DE TUTELA-Improcedencia para el caso\/PRINCIPIO NO REFORMATIO IN PEJUS-Existencia de recursos judiciales para hacerlo valer \u00a0 CASACION-Fines\/RECURSO DE CASACION PENAL-Idoneidad para la protecci\u00f3n de derechos fundamentales \u00a0 Referencia: expediente T-340756 \u00a0 Acci\u00f3n de Tutela instaurada por JUAN DAVID \u00a0MEDINA \u00a0GALEANO contra la Sala Penal \u00a0del Tribunal Superior de Antioquia. \u00a0 Magistrado Ponente: \u00a0 Dr. FABIO MORON DIAZ\u00a0 \u00a0 Bogot\u00e1, D.C., noviembre catorce (14) del a\u00f1o dos mil (2000) \u00a0\u00a0 \u00a0 La Sala S\u00e9ptima de Revisi\u00f3n de Tutelas de la Corte Constitucional, ...<br \/><div class=\"pt-cv-rmwrap\"><a href=\"https:\/\/www.dmsjuridica.com\/buscador_20179478954\/corteconstitucionalcronologico202454587\/t-1574-00\/\" class=\"_self pt-cv-readmore btn btn-success\" target=\"_self\">Ver Sentencia Completa...<\/a><\/div><\/div><\/div><\/div>\n<div class=\"col-md-12 col-sm-12 col-xs-12 pt-cv-content-item pt-cv-1-col\" ><div class='pt-cv-ifield'><a href=\"https:\/\/www.dmsjuridica.com\/buscador_20179478954\/corteconstitucionalcronologico202454587\/t-1573-00\/\" class=\"_self pt-cv-href-thumbnail pt-cv-thumb-default\" target=\"_self\" ><\/a>\n<div class=\"pt-cv-taxoterm above_title\"><a href='https:\/\/www.dmsjuridica.com\/buscador_20179478954\/corteconstitucionalcronologico202454587\/category\/buscar-en-toda-la-corte\/2000\/tutelas-2000\/' title='Tutelas 2000' class='pt-cv-tax-tutelas-2000'>Tutelas 2000<\/a><\/div>\n<h4 class=\"pt-cv-title\"><a href=\"https:\/\/www.dmsjuridica.com\/buscador_20179478954\/corteconstitucionalcronologico202454587\/t-1573-00\/\" class=\"_self\" target=\"_self\" >T-1573-00<\/a><\/h4>\n<div class=\"pt-cv-content\">\u00a0 \u00a0 Sentencia T-1573\/00 \u00a0 DERECHO DE PETICION-Alcance\/DERECHO DE PETICION-Pronta resoluci\u00f3n \u00a0 DERECHO DE PETICION-Necesidad de formulaci\u00f3n concreta y determinable \u00a0 Referencia: expediente T-338801 \u00a0 Acci\u00f3n de tutela interpuesta por Jos\u00e9 Manuel Gutierrez Moreno \u00a0contra \u00a0el ISS \u00a0Seccional-Bogot\u00e1 Cundinamarca \u00a0 Magistrado Ponente: \u00a0 Dr. FABIO MORON DIAZ\u00a0 \u00a0 Bogot\u00e1, D.C., noviembre catorce (14) de dos mil (2000) \u00a0\u00a0 \u00a0 \u00a0 \u00a0 La Sala S\u00e9ptima de Revisi\u00f3n de Tutelas de la Corte Constitucional, integrada por los Magistrados FABIO MORON DIAZ, CRISTINA PARDO SCHLESINGER y ALVARO TAFUR GALVIS, en ejercicio de sus competencias constitucionales y legales, ha proferido la siguiente \u00a0 SENTENCIA ...<br \/><div class=\"pt-cv-rmwrap\"><a href=\"https:\/\/www.dmsjuridica.com\/buscador_20179478954\/corteconstitucionalcronologico202454587\/t-1573-00\/\" class=\"_self pt-cv-readmore btn btn-success\" target=\"_self\">Ver Sentencia Completa...<\/a><\/div><\/div><\/div><\/div>\n<div class=\"col-md-12 col-sm-12 col-xs-12 pt-cv-content-item pt-cv-1-col\" ><div class='pt-cv-ifield'><a href=\"https:\/\/www.dmsjuridica.com\/buscador_20179478954\/corteconstitucionalcronologico202454587\/t-1572-00\/\" class=\"_self pt-cv-href-thumbnail pt-cv-thumb-default\" target=\"_self\" ><\/a>\n<div class=\"pt-cv-taxoterm above_title\"><a href='https:\/\/www.dmsjuridica.com\/buscador_20179478954\/corteconstitucionalcronologico202454587\/category\/buscar-en-toda-la-corte\/2000\/tutelas-2000\/' title='Tutelas 2000' class='pt-cv-tax-tutelas-2000'>Tutelas 2000<\/a><\/div>\n<h4 class=\"pt-cv-title\"><a href=\"https:\/\/www.dmsjuridica.com\/buscador_20179478954\/corteconstitucionalcronologico202454587\/t-1572-00\/\" class=\"_self\" target=\"_self\" >T-1572-00<\/a><\/h4>\n<div class=\"pt-cv-content\">\u00a0 \u00a0 Sentencia T-1572\/00 \u00a0 ENFERMEDADES CATASTROFICAS O RUINOSAS-Suministro de tratamientos por EPS sin cumplir periodo m\u00ednimo de cotizaci\u00f3n \u00a0 ENFERMEDADES CATASTROFICAS O RUINOSAS-Tratamiento de quimioterapia por EPS\/ENTIDAD PROMOTORA DE SALUD-Repetici\u00f3n contra el FOSYGA \u00a0 Referencia: expediente T-338542 \u00a0 Acci\u00f3n de tutela interpuesta por Jaime Leonel Caro contra el ISS-Seccional Bogot\u00e1. \u00a0 Magistrado Ponente: \u00a0 Dr. FABIO MORON DIAZ\u00a0 \u00a0 Bogot\u00e1, D.C., noviembre catorce (14) de dos mil (2000) \u00a0\u00a0 \u00a0 \u00a0 \u00a0 La Sala S\u00e9ptima de Revisi\u00f3n de Tutelas de la Corte Constitucional, integrada por los Magistrados FABIO MORON DIAZ, CRISTINA PARDO SCHLESINGER (e) y ALVARO TAFUR GALVIS, en ...<br \/><div class=\"pt-cv-rmwrap\"><a href=\"https:\/\/www.dmsjuridica.com\/buscador_20179478954\/corteconstitucionalcronologico202454587\/t-1572-00\/\" class=\"_self pt-cv-readmore btn btn-success\" target=\"_self\">Ver Sentencia Completa...<\/a><\/div><\/div><\/div><\/div>\n<div class=\"col-md-12 col-sm-12 col-xs-12 pt-cv-content-item pt-cv-1-col\" ><div class='pt-cv-ifield'><a href=\"https:\/\/www.dmsjuridica.com\/buscador_20179478954\/corteconstitucionalcronologico202454587\/t-1571-00\/\" class=\"_self pt-cv-href-thumbnail pt-cv-thumb-default\" target=\"_self\" ><\/a>\n<div class=\"pt-cv-taxoterm above_title\"><a href='https:\/\/www.dmsjuridica.com\/buscador_20179478954\/corteconstitucionalcronologico202454587\/category\/buscar-en-toda-la-corte\/2000\/tutelas-2000\/' title='Tutelas 2000' class='pt-cv-tax-tutelas-2000'>Tutelas 2000<\/a><\/div>\n<h4 class=\"pt-cv-title\"><a href=\"https:\/\/www.dmsjuridica.com\/buscador_20179478954\/corteconstitucionalcronologico202454587\/t-1571-00\/\" class=\"_self\" target=\"_self\" >T-1571-00<\/a><\/h4>\n<div class=\"pt-cv-content\">\u00a0 \u00a0 Sentencia T-1571\/00 \u00a0 DERECHO AL TRABAJO EN CONDICIONES DIGNAS Y JUSTAS-Modificaci\u00f3n de condiciones laborales del trabajador no es absoluta\/PRINCIPIO A TRABAJO IGUAL SALARIO IGUAL-Alcance \u00a0 IUS VARIANDI-Discrecionalidad limitada para modificar condiciones laborales del trabajador \u00a0 Referencia: expediente T-270189 \u00a0 Acci\u00f3n de tutela instaurada por IGNACIO DE JESUS CALDERON VASQUEZ Y OTROS contra la Empresa de Servicio P\u00fablico de Aseo de Cali \"EMSIRVA E.S.P.\". \u00a0 Temas: \u00a0 Nivelaci\u00f3n salarial como resultado de la observancia del principio \u201ca trabajo igual, salario igual\u201d que concreta la igualdad en materia \u00a0laboral \u00a0 Magistrado Ponente: \u00a0 Dr. FABIO MORON DIAZ\u00a0 \u00a0 Bogot\u00e1, D.C., ...<br \/><div class=\"pt-cv-rmwrap\"><a href=\"https:\/\/www.dmsjuridica.com\/buscador_20179478954\/corteconstitucionalcronologico202454587\/t-1571-00\/\" class=\"_self pt-cv-readmore btn btn-success\" target=\"_self\">Ver Sentencia Completa...<\/a><\/div><\/div><\/div><\/div>\n<div class=\"col-md-12 col-sm-12 col-xs-12 pt-cv-content-item pt-cv-1-col\" ><div class='pt-cv-ifield'><a href=\"https:\/\/www.dmsjuridica.com\/buscador_20179478954\/corteconstitucionalcronologico202454587\/t-1570-00\/\" class=\"_self pt-cv-href-thumbnail pt-cv-thumb-default\" target=\"_self\" ><\/a>\n<div class=\"pt-cv-taxoterm above_title\"><a href='https:\/\/www.dmsjuridica.com\/buscador_20179478954\/corteconstitucionalcronologico202454587\/category\/buscar-en-toda-la-corte\/2000\/tutelas-2000\/' title='Tutelas 2000' class='pt-cv-tax-tutelas-2000'>Tutelas 2000<\/a><\/div>\n<h4 class=\"pt-cv-title\"><a href=\"https:\/\/www.dmsjuridica.com\/buscador_20179478954\/corteconstitucionalcronologico202454587\/t-1570-00\/\" class=\"_self\" target=\"_self\" >T-1570-00<\/a><\/h4>\n<div class=\"pt-cv-content\">\u00a0 \u00a0 Sentencia T-1570\/00 \u00a0 REVOCACION DIRECTA DE ACTO ADMINISTRATIVO PARTICULAR Y CONCRETO-Consentimiento expreso y escrito del titular \u00a0 LIQUIDACION ERRONEA DE PRIMA DE ANTIGUEDAD-Reintegro de sumas pagadas en exceso\/ACCION ORDINARIA-Prescripci\u00f3n\u00a0 \u00a0 ACCION DE TUTELA-T\u00e9rmino de presentaci\u00f3n \u00a0 ACCION DE TUTELA-Inmediatez \u00a0 Referencia: expediente T-331234 \u00a0 Acci\u00f3n de Tutela instaurada por WILLIAM \u00a0ENRIQUE MORENO DIAZ contra POLICIA NACIONAL -UNIDAD INFORMATICA-\u00a0 \u00a0 Magistrado Ponente: \u00a0 Dr. FABIO MORON DIAZ\u00a0 \u00a0 Bogot\u00e1, D.C., noviembre catorce (14) del a\u00f1o dos mil (2000) \u00a0 La Sala S\u00e9ptima de Revisi\u00f3n de Tutelas de la Corte Constitucional, integrada por los Magistrados ALVARO TAFUR GALVIS, CRISTINA PARDO ...<br \/><div class=\"pt-cv-rmwrap\"><a href=\"https:\/\/www.dmsjuridica.com\/buscador_20179478954\/corteconstitucionalcronologico202454587\/t-1570-00\/\" class=\"_self pt-cv-readmore btn btn-success\" target=\"_self\">Ver Sentencia Completa...<\/a><\/div><\/div><\/div><\/div>\n<div class=\"col-md-12 col-sm-12 col-xs-12 pt-cv-content-item pt-cv-1-col\" ><div class='pt-cv-ifield'><a href=\"https:\/\/www.dmsjuridica.com\/buscador_20179478954\/corteconstitucionalcronologico202454587\/t-1569-00\/\" class=\"_self pt-cv-href-thumbnail pt-cv-thumb-default\" target=\"_self\" ><\/a>\n<div class=\"pt-cv-taxoterm above_title\"><a href='https:\/\/www.dmsjuridica.com\/buscador_20179478954\/corteconstitucionalcronologico202454587\/category\/buscar-en-toda-la-corte\/2000\/tutelas-2000\/' title='Tutelas 2000' class='pt-cv-tax-tutelas-2000'>Tutelas 2000<\/a><\/div>\n<h4 class=\"pt-cv-title\"><a href=\"https:\/\/www.dmsjuridica.com\/buscador_20179478954\/corteconstitucionalcronologico202454587\/t-1569-00\/\" class=\"_self\" target=\"_self\" >T-1569-00<\/a><\/h4>\n<div class=\"pt-cv-content\">\u00a0 \u00a0 Sentencia T-1569\/00 \u00a0 MUJER TRABAJADORA EMBARAZADA-Informaci\u00f3n oportuna al empleador sobre su estado \u00a0 ACCION DE TUTELA TRANSITORIA DEL DERECHO A LA ESTABILIDAD LABORAL REFORZADA DE MUJER EMBARAZADA-Elementos f\u00e1cticos que deben demostrarse \u00a0 Referencia: expediente T- 333 283 \u00a0 Acci\u00f3n de tutela instaurada por Deyanira Lozada Ardila contra el Colegio Cardenal Sancha. \u00a0 Magistrado Ponente: \u00a0 Dr. FABIO MORON DIAZ \u00a0 Bogot\u00e1 D.C., dos (2) de noviembre de dos mil (2000). \u00a0 La Sala S\u00e9ptima de Revisi\u00f3n de la Corte Constitucional, en ejercicio de sus competencias constitucionales y legales, espec\u00edficamente las previstas en los art\u00edculos 86 y 241, numeral ...<br \/><div class=\"pt-cv-rmwrap\"><a href=\"https:\/\/www.dmsjuridica.com\/buscador_20179478954\/corteconstitucionalcronologico202454587\/t-1569-00\/\" class=\"_self pt-cv-readmore btn btn-success\" target=\"_self\">Ver Sentencia Completa...<\/a><\/div><\/div><\/div><\/div>\n<div class=\"col-md-12 col-sm-12 col-xs-12 pt-cv-content-item pt-cv-1-col\" ><div class='pt-cv-ifield'><a href=\"https:\/\/www.dmsjuridica.com\/buscador_20179478954\/corteconstitucionalcronologico202454587\/t-1568-00\/\" class=\"_self pt-cv-href-thumbnail pt-cv-thumb-default\" target=\"_self\" ><\/a>\n<div class=\"pt-cv-taxoterm above_title\"><a href='https:\/\/www.dmsjuridica.com\/buscador_20179478954\/corteconstitucionalcronologico202454587\/category\/buscar-en-toda-la-corte\/2000\/tutelas-2000\/' title='Tutelas 2000' class='pt-cv-tax-tutelas-2000'>Tutelas 2000<\/a><\/div>\n<h4 class=\"pt-cv-title\"><a href=\"https:\/\/www.dmsjuridica.com\/buscador_20179478954\/corteconstitucionalcronologico202454587\/t-1568-00\/\" class=\"_self\" target=\"_self\" >T-1568-00<\/a><\/h4>\n<div class=\"pt-cv-content\">\u00a0 \u00a0 Sentencia T-1568\/00 \u00a0 DERECHO A LA SALUD-Fundamental por conexidad con la vida \u00a0 DERECHO A LA VIDA-Suministro de tratamientos y medicamentos sin cumplir periodo m\u00ednimo de cotizaci\u00f3n en persona de escasos recursos enferma de sida \u00a0 Referencia: expediente T- 328 435 \u00a0 Acci\u00f3n de tutela instaurada por Jos\u00e9 David Le\u00f3n Duarte contra COMPENSAR E.P.S.\u00a0 \u00a0 Magistrado Ponente: \u00a0 Dr. FABIO MORON DIAZ \u00a0 Bogot\u00e1 D.C., \u00a0dos (2) de noviembre de dos mil (2000). \u00a0 La Sala S\u00e9ptima de Revisi\u00f3n de la Corte Constitucional, en ejercicio de sus competencias constitucionales y legales, espec\u00edficamente las previstas en los art\u00edculos 86 ...<br \/><div class=\"pt-cv-rmwrap\"><a href=\"https:\/\/www.dmsjuridica.com\/buscador_20179478954\/corteconstitucionalcronologico202454587\/t-1568-00\/\" class=\"_self pt-cv-readmore btn btn-success\" target=\"_self\">Ver Sentencia Completa...<\/a><\/div><\/div><\/div><\/div>\n<div class=\"col-md-12 col-sm-12 col-xs-12 pt-cv-content-item pt-cv-1-col\" ><div class='pt-cv-ifield'><a href=\"https:\/\/www.dmsjuridica.com\/buscador_20179478954\/corteconstitucionalcronologico202454587\/t-1567-00\/\" class=\"_self pt-cv-href-thumbnail pt-cv-thumb-default\" target=\"_self\" ><\/a>\n<div class=\"pt-cv-taxoterm above_title\"><a href='https:\/\/www.dmsjuridica.com\/buscador_20179478954\/corteconstitucionalcronologico202454587\/category\/buscar-en-toda-la-corte\/2000\/tutelas-2000\/' title='Tutelas 2000' class='pt-cv-tax-tutelas-2000'>Tutelas 2000<\/a><\/div>\n<h4 class=\"pt-cv-title\"><a href=\"https:\/\/www.dmsjuridica.com\/buscador_20179478954\/corteconstitucionalcronologico202454587\/t-1567-00\/\" class=\"_self\" target=\"_self\" >T-1567-00<\/a><\/h4>\n<div class=\"pt-cv-content\">\u00a0 \u00a0 Sentencia T-1567\/00 \u00a0 ACCION DE TUTELA-Subsidiariedad \u00a0 MEDIO DE DEFENSA JUDICIAL EFICAZ-Improcedencia de tutela\/MEDIO DE DEFENSA JUDICIAL EFICAZ-Reintegro al cargo \u00a0 Acci\u00f3n de tutela instaurada Myla Farit Cabana D\u00edaz contra Hospital Meissen II Nivel. E.S.E. .\u00a0 \u00a0 Magistrado Ponente: \u00a0 Dr. FABIO MORON DIAZ \u00a0 Bogot\u00e1 D.C., \u00a0dos (2) de noviembre de dos mil (2000). \u00a0 La Sala S\u00e9ptima de Revisi\u00f3n de la Corte Constitucional, en ejercicio de sus competencias constitucionales y legales, espec\u00edficamente las previstas en los art\u00edculos 86 y 241, numeral 9, de la Constituci\u00f3n Pol\u00edtica y en el Decreto 2591 de 1.991, ha proferido la ...<br \/><div class=\"pt-cv-rmwrap\"><a href=\"https:\/\/www.dmsjuridica.com\/buscador_20179478954\/corteconstitucionalcronologico202454587\/t-1567-00\/\" class=\"_self pt-cv-readmore btn btn-success\" target=\"_self\">Ver Sentencia Completa...<\/a><\/div><\/div><\/div><\/div>\n<div class=\"col-md-12 col-sm-12 col-xs-12 pt-cv-content-item pt-cv-1-col\" ><div class='pt-cv-ifield'><a href=\"https:\/\/www.dmsjuridica.com\/buscador_20179478954\/corteconstitucionalcronologico202454587\/t-1566-00\/\" class=\"_self pt-cv-href-thumbnail pt-cv-thumb-default\" target=\"_self\" ><\/a>\n<div class=\"pt-cv-taxoterm above_title\"><a href='https:\/\/www.dmsjuridica.com\/buscador_20179478954\/corteconstitucionalcronologico202454587\/category\/buscar-en-toda-la-corte\/2000\/tutelas-2000\/' title='Tutelas 2000' class='pt-cv-tax-tutelas-2000'>Tutelas 2000<\/a><\/div>\n<h4 class=\"pt-cv-title\"><a href=\"https:\/\/www.dmsjuridica.com\/buscador_20179478954\/corteconstitucionalcronologico202454587\/t-1566-00\/\" class=\"_self\" target=\"_self\" >T-1566-00<\/a><\/h4>\n<div class=\"pt-cv-content\">\u00a0 \u00a0 Sentencia T-1566\/00\u00a0 \u00a0 ACCION DE TUTELA TRANSITORIA DEL DERECHO A LA ESTABILIDAD LABORAL REFORZADA DE MUJER EMBARAZADA-Elementos facticos que deben demostrarse \u00a0 MUJER TRABAJADORA EMBARAZADA-Informaci\u00f3n oportuna al empleador sobre su estado \u00a0 Referencia: expediente T-379.428 \u00a0 Acci\u00f3n de tutela instaurada por Piedad Cristina Hern\u00e1ndez S. contra la empresa Automotores La Calleja S.A., sucursal Manizales. \u00a0 Magistrado Ponente: \u00a0 Dr. ALFREDO BELTR\u00c1N SIERRA. \u00a0 Bogot\u00e1, D.C., veintitr\u00e9s (23) de noviembre del a\u00f1o dos mil (2.000). \u00a0 La Sala Segunda de Revisi\u00f3n de la Corte Constitucional, en ejercicio de sus competencias constitucionales y legales, ha proferido la siguiente\u00a0 \u00a0 SENTENCIA\u00a0 ...<br \/><div class=\"pt-cv-rmwrap\"><a href=\"https:\/\/www.dmsjuridica.com\/buscador_20179478954\/corteconstitucionalcronologico202454587\/t-1566-00\/\" class=\"_self pt-cv-readmore btn btn-success\" target=\"_self\">Ver Sentencia Completa...<\/a><\/div><\/div><\/div><\/div>\n<div class=\"col-md-12 col-sm-12 col-xs-12 pt-cv-content-item pt-cv-1-col\" ><div class='pt-cv-ifield'><a href=\"https:\/\/www.dmsjuridica.com\/buscador_20179478954\/corteconstitucionalcronologico202454587\/t-1565-00\/\" class=\"_self pt-cv-href-thumbnail pt-cv-thumb-default\" target=\"_self\" ><\/a>\n<div class=\"pt-cv-taxoterm above_title\"><a href='https:\/\/www.dmsjuridica.com\/buscador_20179478954\/corteconstitucionalcronologico202454587\/category\/buscar-en-toda-la-corte\/2000\/tutelas-2000\/' title='Tutelas 2000' class='pt-cv-tax-tutelas-2000'>Tutelas 2000<\/a><\/div>\n<h4 class=\"pt-cv-title\"><a href=\"https:\/\/www.dmsjuridica.com\/buscador_20179478954\/corteconstitucionalcronologico202454587\/t-1565-00\/\" class=\"_self\" target=\"_self\" >T-1565-00<\/a><\/h4>\n<div class=\"pt-cv-content\">\u00a0 \u00a0 Sentencia T-1565\/00\u00a0 \u00a0 BONOS PENSIONALES-Demora en emisi\u00f3n afecta derechos fundamentales\/VIA DE HECHO-Se niega pensi\u00f3n por demora en emisi\u00f3n del bono pensional \u00a0 Referencia: expediente T-374.710 \u00a0 Acci\u00f3n de tutela instaurada por Jos\u00e9 Leonidas Mendoza Toloza contra la Gobernaci\u00f3n de Santander y el Fondo Territorial de Pensiones de Santander. \u00a0 Magistrado Ponente:\u00a0 \u00a0 Dr. ALFREDO BELTR\u00c1N SIERRA. \u00a0 Bogot\u00e1, D.C., veintitr\u00e9s (23) de noviembre del a\u00f1o dos mil (2.000). \u00a0 La Sala Segunda de Revisi\u00f3n de la Corte Constitucional, en ejercicio de sus competencias constitucionales y legales, ha proferido la siguiente\u00a0 \u00a0 SENTENCIA\u00a0 \u00a0 en el proceso de revisi\u00f3n ...<br \/><div class=\"pt-cv-rmwrap\"><a href=\"https:\/\/www.dmsjuridica.com\/buscador_20179478954\/corteconstitucionalcronologico202454587\/t-1565-00\/\" class=\"_self pt-cv-readmore btn btn-success\" target=\"_self\">Ver Sentencia Completa...<\/a><\/div><\/div><\/div><\/div>\n<div class=\"col-md-12 col-sm-12 col-xs-12 pt-cv-content-item pt-cv-1-col\" ><div class='pt-cv-ifield'><a href=\"https:\/\/www.dmsjuridica.com\/buscador_20179478954\/corteconstitucionalcronologico202454587\/t-1564-00\/\" class=\"_self pt-cv-href-thumbnail pt-cv-thumb-default\" target=\"_self\" ><\/a>\n<div class=\"pt-cv-taxoterm above_title\"><a href='https:\/\/www.dmsjuridica.com\/buscador_20179478954\/corteconstitucionalcronologico202454587\/category\/buscar-en-toda-la-corte\/2000\/tutelas-2000\/' title='Tutelas 2000' class='pt-cv-tax-tutelas-2000'>Tutelas 2000<\/a><\/div>\n<h4 class=\"pt-cv-title\"><a href=\"https:\/\/www.dmsjuridica.com\/buscador_20179478954\/corteconstitucionalcronologico202454587\/t-1564-00\/\" class=\"_self\" target=\"_self\" >T-1564-00<\/a><\/h4>\n<div class=\"pt-cv-content\">\u00a0 \u00a0 Sentencia T-1564\/00 \u00a0 ACCION DE TUTELA-Naturaleza \u00a0 JUEZ CONSTITUCIONAL-Improcedencia para sustituir a las autoridades en las competencias asignadas por la Constituci\u00f3n Pol\u00edtica \u00a0 Al juez constitucional no le corresponde interferir, por v\u00eda de tutela, en las decisiones generales abstractas e impersonales confiadas por la Constituci\u00f3n Pol\u00edtica a otras autoridades estatales. De tal manera que, tal como lo consideraron los jueces de instancia, mediante la acci\u00f3n de tutela no es posible sustituir al Gobierno Nacional en su gesti\u00f3n de formular y aplicar la pol\u00edtica fiscal del Estado, como tampoco resulta procedente, con el prop\u00f3sito por dem\u00e1s loable de proteger ...<br \/><div class=\"pt-cv-rmwrap\"><a href=\"https:\/\/www.dmsjuridica.com\/buscador_20179478954\/corteconstitucionalcronologico202454587\/t-1564-00\/\" class=\"_self pt-cv-readmore btn btn-success\" target=\"_self\">Ver Sentencia Completa...<\/a><\/div><\/div><\/div><\/div>\n<div class=\"col-md-12 col-sm-12 col-xs-12 pt-cv-content-item pt-cv-1-col\" ><div class='pt-cv-ifield'><a href=\"https:\/\/www.dmsjuridica.com\/buscador_20179478954\/corteconstitucionalcronologico202454587\/t-1563-00\/\" class=\"_self pt-cv-href-thumbnail pt-cv-thumb-default\" target=\"_self\" ><\/a>\n<div class=\"pt-cv-taxoterm above_title\"><a href='https:\/\/www.dmsjuridica.com\/buscador_20179478954\/corteconstitucionalcronologico202454587\/category\/buscar-en-toda-la-corte\/2000\/tutelas-2000\/' title='Tutelas 2000' class='pt-cv-tax-tutelas-2000'>Tutelas 2000<\/a><\/div>\n<h4 class=\"pt-cv-title\"><a href=\"https:\/\/www.dmsjuridica.com\/buscador_20179478954\/corteconstitucionalcronologico202454587\/t-1563-00\/\" class=\"_self\" target=\"_self\" >T-1563-00<\/a><\/h4>\n<div class=\"pt-cv-content\">\u00a0 \u00a0 Sentencia T-1563\/00 \u00a0 SECRETO PROFESIONAL\/RESERVA DE HISTORIA CLINICA-L\u00edmites \u00a0 Esta Corporaci\u00f3n se ha referido en numerosas ocasiones a la naturaleza de la historia cl\u00ednica, en relaci\u00f3n con el secreto profesional y los derechos a la intimidad y al libre desarrollo de la personalidad. La Corte sostuvo que la historia cl\u00ednica se encuentra \u00edntimamente relacionada con el secreto profesional, en la medida que el car\u00e1cter reservado de la historia cl\u00ednica impone l\u00edmites al profesional de la medicina y sus auxiliares toda vez que le impide a revelar el contenido de dicho documento privado, a excepci\u00f3n de que exista autorizaci\u00f3n ...<br \/><div class=\"pt-cv-rmwrap\"><a href=\"https:\/\/www.dmsjuridica.com\/buscador_20179478954\/corteconstitucionalcronologico202454587\/t-1563-00\/\" class=\"_self pt-cv-readmore btn btn-success\" target=\"_self\">Ver Sentencia Completa...<\/a><\/div><\/div><\/div><\/div>\n<div class=\"col-md-12 col-sm-12 col-xs-12 pt-cv-content-item pt-cv-1-col\" ><div class='pt-cv-ifield'><a href=\"https:\/\/www.dmsjuridica.com\/buscador_20179478954\/corteconstitucionalcronologico202454587\/t-1562-00\/\" class=\"_self pt-cv-href-thumbnail pt-cv-thumb-default\" target=\"_self\" ><\/a>\n<div class=\"pt-cv-taxoterm above_title\"><a href='https:\/\/www.dmsjuridica.com\/buscador_20179478954\/corteconstitucionalcronologico202454587\/category\/buscar-en-toda-la-corte\/2000\/tutelas-2000\/' title='Tutelas 2000' class='pt-cv-tax-tutelas-2000'>Tutelas 2000<\/a><\/div>\n<h4 class=\"pt-cv-title\"><a href=\"https:\/\/www.dmsjuridica.com\/buscador_20179478954\/corteconstitucionalcronologico202454587\/t-1562-00\/\" class=\"_self\" target=\"_self\" >T-1562-00<\/a><\/h4>\n<div class=\"pt-cv-content\">\u00a0 \u00a0 Sentencia T-1562\/00 \u00a0 MUJER EMBARAZADA-Protecci\u00f3n constitucional especial \u00a0 ACCION DE TUTELA TRANSITORIA DEL DERECHO A LA ESTABILIDAD LABORAL REFORZADA DE MUJER EMBARAZADA \u00a0 EMPRESA DE SERVICIOS TEMPORALES-Usuarios \u00a0 Se denominan Usuarios las personas naturales o jur\u00eddicas que contratan con las empresas de servicios temporales, a trav\u00e9s de un contrato mercantil escrito, cuyas estipulaciones cuando menos han de referirse a los temas establecidos en el art\u00edculo 81 de la Ley 50 de 1990. En virtud de este contrato, las empresas de servicios temporales, a cambio de una remuneraci\u00f3n determinada, se comprometen a remitir el personal requerido por el usuario, ...<br \/><div class=\"pt-cv-rmwrap\"><a href=\"https:\/\/www.dmsjuridica.com\/buscador_20179478954\/corteconstitucionalcronologico202454587\/t-1562-00\/\" class=\"_self pt-cv-readmore btn btn-success\" target=\"_self\">Ver Sentencia Completa...<\/a><\/div><\/div><\/div><\/div>\n<div class=\"col-md-12 col-sm-12 col-xs-12 pt-cv-content-item pt-cv-1-col\" ><div class='pt-cv-ifield'><a href=\"https:\/\/www.dmsjuridica.com\/buscador_20179478954\/corteconstitucionalcronologico202454587\/t-1561-00\/\" class=\"_self pt-cv-href-thumbnail pt-cv-thumb-default\" target=\"_self\" ><\/a>\n<div class=\"pt-cv-taxoterm above_title\"><a href='https:\/\/www.dmsjuridica.com\/buscador_20179478954\/corteconstitucionalcronologico202454587\/category\/buscar-en-toda-la-corte\/2000\/tutelas-2000\/' title='Tutelas 2000' class='pt-cv-tax-tutelas-2000'>Tutelas 2000<\/a><\/div>\n<h4 class=\"pt-cv-title\"><a href=\"https:\/\/www.dmsjuridica.com\/buscador_20179478954\/corteconstitucionalcronologico202454587\/t-1561-00\/\" class=\"_self\" target=\"_self\" >T-1561-00<\/a><\/h4>\n<div class=\"pt-cv-content\">\u00a0 \u00a0 Sentencia T-1561\/00 \u00a0 ACCION DE TUTELA CONTRA PARTICULARES-Subordinaci\u00f3n \u00a0 ACCION DE TUTELA-Procedencia excepcional pago de acreencias laborales \u00a0 DERECHO AL PAGO OPORTUNO DEL SALARIO-Fundamental\/DERECHO AL MINIMO VITAL DEL TRABAJADOR-Pago oportuno de salarios \u00a0 Reiteraci\u00f3n de Jurisprudencia \u00a0 Referencia: expediente T-342901 \u00a0 Acci\u00f3n de tutela instaurada por Marcos Hort\u00faa Castellanos contra Global Security Ltda. \u00a0 Magistrado Ponente: \u00a0 Dr. FABIO MOR\u00d3N D\u00cdAZ \u00a0 Bogot\u00e1 D.C., a los veinti\u00fan (21) d\u00edas del mes de noviembre de dos mil (2000). \u00a0 La Sala S\u00e9ptima de Revisi\u00f3n de la Corte Constitucional, integrada por los Magistrados CRISTINA PARDO SCHLESINGER, ALVARO TAFUR GALVIS y ...<br \/><div class=\"pt-cv-rmwrap\"><a href=\"https:\/\/www.dmsjuridica.com\/buscador_20179478954\/corteconstitucionalcronologico202454587\/t-1561-00\/\" class=\"_self pt-cv-readmore btn btn-success\" target=\"_self\">Ver Sentencia Completa...<\/a><\/div><\/div><\/div><\/div>\n<div class=\"col-md-12 col-sm-12 col-xs-12 pt-cv-content-item pt-cv-1-col\" ><div class='pt-cv-ifield'><a href=\"https:\/\/www.dmsjuridica.com\/buscador_20179478954\/corteconstitucionalcronologico202454587\/t-1560-00\/\" class=\"_self pt-cv-href-thumbnail pt-cv-thumb-default\" target=\"_self\" ><\/a>\n<div class=\"pt-cv-taxoterm above_title\"><a href='https:\/\/www.dmsjuridica.com\/buscador_20179478954\/corteconstitucionalcronologico202454587\/category\/buscar-en-toda-la-corte\/2000\/tutelas-2000\/' title='Tutelas 2000' class='pt-cv-tax-tutelas-2000'>Tutelas 2000<\/a><\/div>\n<h4 class=\"pt-cv-title\"><a href=\"https:\/\/www.dmsjuridica.com\/buscador_20179478954\/corteconstitucionalcronologico202454587\/t-1560-00\/\" class=\"_self\" target=\"_self\" >T-1560-00<\/a><\/h4>\n<div class=\"pt-cv-content\">\u00a0 \u00a0 Sentencia T-1560\/00 \u00a0 DERECHO AL MINIMO VITAL-Alcance \u00a0 MEDIO DE DEFENSA JUDICIAL-Solicitud pago de bono pensional\/DERECHO AL MINIMO VITAL-No afectaci\u00f3n para el caso \u00a0 Reiteraci\u00f3n de Jurisprudencia \u00a0 Referencia: expediente T-340990 \u00a0 Acci\u00f3n de tutela instaurada por Martha Hidalgo Ballesteros contra el Municipio de Anz\u00e1. \u00a0 Magistrado Ponente: \u00a0 Dr. FABIO MOR\u00d3N D\u00cdAZ \u00a0 Bogot\u00e1 D.C., a los veinti\u00fan (21) d\u00edas del mes de noviembre de dos mil (2000). \u00a0 La Sala S\u00e9ptima de Revisi\u00f3n de la Corte Constitucional, integrada por los Magistrados CRISTINA PARDO SCHLESINGER, ALVARO TAFUR GALVIS y FABIO MOR\u00d3N D\u00cdAZ, en ejercicio de sus competencias ...<br \/><div class=\"pt-cv-rmwrap\"><a href=\"https:\/\/www.dmsjuridica.com\/buscador_20179478954\/corteconstitucionalcronologico202454587\/t-1560-00\/\" class=\"_self pt-cv-readmore btn btn-success\" target=\"_self\">Ver Sentencia Completa...<\/a><\/div><\/div><\/div><\/div>\n<div class=\"col-md-12 col-sm-12 col-xs-12 pt-cv-content-item pt-cv-1-col\" ><div class='pt-cv-ifield'><a href=\"https:\/\/www.dmsjuridica.com\/buscador_20179478954\/corteconstitucionalcronologico202454587\/t-156-00\/\" class=\"_self pt-cv-href-thumbnail pt-cv-thumb-default\" target=\"_self\" ><\/a>\n<div class=\"pt-cv-taxoterm above_title\"><a href='https:\/\/www.dmsjuridica.com\/buscador_20179478954\/corteconstitucionalcronologico202454587\/category\/buscar-en-toda-la-corte\/2000\/tutelas-2000\/' title='Tutelas 2000' class='pt-cv-tax-tutelas-2000'>Tutelas 2000<\/a><\/div>\n<h4 class=\"pt-cv-title\"><a href=\"https:\/\/www.dmsjuridica.com\/buscador_20179478954\/corteconstitucionalcronologico202454587\/t-156-00\/\" class=\"_self\" target=\"_self\" >T-156-00<\/a><\/h4>\n<div class=\"pt-cv-content\">\u00a0 \u00a0 Sentencia T-156\/00 \u00a0 MEDIO DE DEFENSA JUDICIAL-Reconocimiento de prestaciones sociales \u00a0 Se reiteran que la acci\u00f3n de tutela no es el mecanismo judicial id\u00f3neo para perseguir el reconocimiento y pago de prestaciones sociales o, en general, de acreencias laborales, pues es claro que para ello existe otro medio de defensa judicial en el procedimiento ordinario. \u00a0 ACCION DE TUTELA-Procedencia excepcional pago de acreencias laborales \u00a0 ACCION DE TUTELA FRENTE A MEDIO DE DEFENSA JUDICIAL-Procedencia como mecanismo transitorio para evitar un perjuicio irremediable \u00a0 MINIMO VITAL-La suficiencia o no de los ingresos para asegurarlo debe cotejarse con la realidad ...<br \/><div class=\"pt-cv-rmwrap\"><a href=\"https:\/\/www.dmsjuridica.com\/buscador_20179478954\/corteconstitucionalcronologico202454587\/t-156-00\/\" class=\"_self pt-cv-readmore btn btn-success\" target=\"_self\">Ver Sentencia Completa...<\/a><\/div><\/div><\/div><\/div>\n<div class=\"col-md-12 col-sm-12 col-xs-12 pt-cv-content-item pt-cv-1-col\" ><div class='pt-cv-ifield'><a href=\"https:\/\/www.dmsjuridica.com\/buscador_20179478954\/corteconstitucionalcronologico202454587\/t-1559-00\/\" class=\"_self pt-cv-href-thumbnail pt-cv-thumb-default\" target=\"_self\" ><\/a>\n<div class=\"pt-cv-taxoterm above_title\"><a href='https:\/\/www.dmsjuridica.com\/buscador_20179478954\/corteconstitucionalcronologico202454587\/category\/buscar-en-toda-la-corte\/2000\/tutelas-2000\/' title='Tutelas 2000' class='pt-cv-tax-tutelas-2000'>Tutelas 2000<\/a><\/div>\n<h4 class=\"pt-cv-title\"><a href=\"https:\/\/www.dmsjuridica.com\/buscador_20179478954\/corteconstitucionalcronologico202454587\/t-1559-00\/\" class=\"_self\" target=\"_self\" >T-1559-00<\/a><\/h4>\n<div class=\"pt-cv-content\">\u00a0 \u00a0 Sentencia T-1559\/00 \u00a0 ACCION DE TUTELA-Improcedencia general de reconocimiento y pago de acreencias laborales \u00a0 MEDIO DE DEFENSA JUDICIAL-Pago de indemnizaci\u00f3n por no renovaci\u00f3n de contrato a mujer embarazada \u00a0 Reiteraci\u00f3n de Jurisprudencia \u00a0 Referencia: expediente T-348923 \u00a0 Acci\u00f3n de tutela instaurada por Carmen Cecilia Pineda Salinas contra el Colegio Santa In\u00e9s Ltda. \u00a0 Magistrado Ponente: \u00a0 Dr. FABIO MORON DIAZ \u00a0 Bogot\u00e1, D.C. a los veinti\u00fan (21) d\u00edas del mes de noviembre de dos mil (2000). \u00a0 La Sala S\u00e9ptima de Revisi\u00f3n de la Corte Constitucional, en ejercicio de sus competencias constitucionales y legales, en particular las ...<br \/><div class=\"pt-cv-rmwrap\"><a href=\"https:\/\/www.dmsjuridica.com\/buscador_20179478954\/corteconstitucionalcronologico202454587\/t-1559-00\/\" class=\"_self pt-cv-readmore btn btn-success\" target=\"_self\">Ver Sentencia Completa...<\/a><\/div><\/div><\/div><\/div>\n<div class=\"col-md-12 col-sm-12 col-xs-12 pt-cv-content-item pt-cv-1-col\" ><div class='pt-cv-ifield'><a href=\"https:\/\/www.dmsjuridica.com\/buscador_20179478954\/corteconstitucionalcronologico202454587\/t-1558-00\/\" class=\"_self pt-cv-href-thumbnail pt-cv-thumb-default\" target=\"_self\" ><\/a>\n<div class=\"pt-cv-taxoterm above_title\"><a href='https:\/\/www.dmsjuridica.com\/buscador_20179478954\/corteconstitucionalcronologico202454587\/category\/buscar-en-toda-la-corte\/2000\/tutelas-2000\/' title='Tutelas 2000' class='pt-cv-tax-tutelas-2000'>Tutelas 2000<\/a><\/div>\n<h4 class=\"pt-cv-title\"><a href=\"https:\/\/www.dmsjuridica.com\/buscador_20179478954\/corteconstitucionalcronologico202454587\/t-1558-00\/\" class=\"_self\" target=\"_self\" >T-1558-00<\/a><\/h4>\n<div class=\"pt-cv-content\">\u00a0 \u00a0 Sentencia T-1558\/00 \u00a0 MUJER EMBARAZADA-Protecci\u00f3n constitucional especial \u00a0 DERECHO A LA ESTABILIDAD LABORAL REFORZADA DE MUJER EMBARAZADA-Elementos f\u00e1cticos que deben demostrarse \u00a0 ACCION DE TUTELA TRANSITORIA-Casos excepcionales de reintegro por despido de mujer embarazada \u00a0 Reiteraci\u00f3n de Jurisprudencia \u00a0 Referencia: expediente T-348484 \u00a0 Acci\u00f3n de tutela instaurada por Mar\u00eda Cristina Ibarra Ram\u00edrez contra Inversiones Betancourt Mart\u00ednez y Cia Ltda. \u00a0 Magistrado Ponente:\u00a0 \u00a0 FABIO MOR\u00d3N D\u00cdAZ \u00a0 Bogot\u00e1, D.C. a los veinti\u00fan (21) d\u00edas del mes de noviembre de dos mil (2000). \u00a0 La Sala S\u00e9ptima de Revisi\u00f3n de la Corte Constitucional, en ejercicio de sus competencias constitucionales ...<br \/><div class=\"pt-cv-rmwrap\"><a href=\"https:\/\/www.dmsjuridica.com\/buscador_20179478954\/corteconstitucionalcronologico202454587\/t-1558-00\/\" class=\"_self pt-cv-readmore btn btn-success\" target=\"_self\">Ver Sentencia Completa...<\/a><\/div><\/div><\/div><\/div>\n<div class=\"col-md-12 col-sm-12 col-xs-12 pt-cv-content-item pt-cv-1-col\" ><div class='pt-cv-ifield'><a href=\"https:\/\/www.dmsjuridica.com\/buscador_20179478954\/corteconstitucionalcronologico202454587\/t-1557-00\/\" class=\"_self pt-cv-href-thumbnail pt-cv-thumb-default\" target=\"_self\" ><\/a>\n<div class=\"pt-cv-taxoterm above_title\"><a href='https:\/\/www.dmsjuridica.com\/buscador_20179478954\/corteconstitucionalcronologico202454587\/category\/buscar-en-toda-la-corte\/2000\/tutelas-2000\/' title='Tutelas 2000' class='pt-cv-tax-tutelas-2000'>Tutelas 2000<\/a><\/div>\n<h4 class=\"pt-cv-title\"><a href=\"https:\/\/www.dmsjuridica.com\/buscador_20179478954\/corteconstitucionalcronologico202454587\/t-1557-00\/\" class=\"_self\" target=\"_self\" >T-1557-00<\/a><\/h4>\n<div class=\"pt-cv-content\">\u00a0 \u00a0 Sentencia T-1557\/00 \u00a0 ENTIDAD PROMOTORA DE SALUD-Prestaci\u00f3n servicio de salud por accidente de trabajo o enfermedad profesional \u00a0 Reiteraci\u00f3n de Jurisprudencia \u00a0 Referencia: expediente T-349869 \u00a0 Acci\u00f3n de tutela instaurada por Lilia Esther Calvo Aldana contra Aseguradora de Vida Colseguros S.A. E.P.S.\u00a0 \u00a0 Magistrado Ponente: \u00a0 Dr. FABIO MORON DIAZ\u00a0 \u00a0 Bogot\u00e1, D.C., a los veinti\u00fan (21) d\u00edas del mes de noviembre de dos mil (2000) \u00a0\u00a0 \u00a0 SENTENCIA \u00a0 dentro del proceso de revisi\u00f3n de las sentencias de mayo 9 de 2000 proferidas por la Sala Civil - Familia del Tribunal Superior de Barranquilla y de junio ...<br \/><div class=\"pt-cv-rmwrap\"><a href=\"https:\/\/www.dmsjuridica.com\/buscador_20179478954\/corteconstitucionalcronologico202454587\/t-1557-00\/\" class=\"_self pt-cv-readmore btn btn-success\" target=\"_self\">Ver Sentencia Completa...<\/a><\/div><\/div><\/div><\/div>\n<div class=\"col-md-12 col-sm-12 col-xs-12 pt-cv-content-item pt-cv-1-col\" ><div class='pt-cv-ifield'><a href=\"https:\/\/www.dmsjuridica.com\/buscador_20179478954\/corteconstitucionalcronologico202454587\/t-1556-00\/\" class=\"_self pt-cv-href-thumbnail pt-cv-thumb-default\" target=\"_self\" ><\/a>\n<div class=\"pt-cv-taxoterm above_title\"><a href='https:\/\/www.dmsjuridica.com\/buscador_20179478954\/corteconstitucionalcronologico202454587\/category\/buscar-en-toda-la-corte\/2000\/tutelas-2000\/' title='Tutelas 2000' class='pt-cv-tax-tutelas-2000'>Tutelas 2000<\/a><\/div>\n<h4 class=\"pt-cv-title\"><a href=\"https:\/\/www.dmsjuridica.com\/buscador_20179478954\/corteconstitucionalcronologico202454587\/t-1556-00\/\" class=\"_self\" target=\"_self\" >T-1556-00<\/a><\/h4>\n<div class=\"pt-cv-content\">\u00a0 \u00a0 Sentencia T-1556\/00 \u00a0 DERECHO DE PETICION-Respuesta oportuna y de fondo\/DERECHO DE PETICION-Interposici\u00f3n ante funcionario competente\/DERECHO DE PETICION-Interposici\u00f3n ante funcionario incompetente \u00a0 El derecho de petici\u00f3n, consagrado en la Carta Pol\u00edtica, tiene como uno de sus elementos esenciales, el que las respuestas dadas a los peticionarios, sean oportunas y que resuelvan de fondo las pretensiones por ellos presentadas, sin que ello implique una decisi\u00f3n favorable a sus intereses. Sin embargo, se requiere que la petici\u00f3n elevada por el particular sea hecha en debida forma, esto es, no s\u00f3lo con el cumplimiento y respeto que se debe tener hacia las ...<br \/><div class=\"pt-cv-rmwrap\"><a href=\"https:\/\/www.dmsjuridica.com\/buscador_20179478954\/corteconstitucionalcronologico202454587\/t-1556-00\/\" class=\"_self pt-cv-readmore btn btn-success\" target=\"_self\">Ver Sentencia Completa...<\/a><\/div><\/div><\/div><\/div>\n<div class=\"col-md-12 col-sm-12 col-xs-12 pt-cv-content-item pt-cv-1-col\" ><div class='pt-cv-ifield'><a href=\"https:\/\/www.dmsjuridica.com\/buscador_20179478954\/corteconstitucionalcronologico202454587\/t-1555-00\/\" class=\"_self pt-cv-href-thumbnail pt-cv-thumb-default\" target=\"_self\" ><\/a>\n<div class=\"pt-cv-taxoterm above_title\"><a href='https:\/\/www.dmsjuridica.com\/buscador_20179478954\/corteconstitucionalcronologico202454587\/category\/buscar-en-toda-la-corte\/2000\/tutelas-2000\/' title='Tutelas 2000' class='pt-cv-tax-tutelas-2000'>Tutelas 2000<\/a><\/div>\n<h4 class=\"pt-cv-title\"><a href=\"https:\/\/www.dmsjuridica.com\/buscador_20179478954\/corteconstitucionalcronologico202454587\/t-1555-00\/\" class=\"_self\" target=\"_self\" >T-1555-00<\/a><\/h4>\n<div class=\"pt-cv-content\">\u00a0 \u00a0 Sentencia T-1555\/00 \u00a0 MEDIO DE DEFENSA JUDICIAL-Prestaci\u00f3n econ\u00f3mica a excombatiente del ej\u00e9rcito \u00a0 DERECHO A LA INTEGRIDAD FISICA-Tratamiento m\u00e9dico a excombatiente del ej\u00e9rcito\/INAPLICACION DE NORMAS EN MATERIA MILITAR Y DE POLICIA-Tratamiento m\u00e9dico a excombatiente del ej\u00e9rcito \u00a0 Como el peticionario no se hizo acreedor a una pensi\u00f3n, pues la reducci\u00f3n de su capacidad laboral no alcanz\u00f3 el 75%, la normatividad legal que se le aplica no le permitir\u00eda tener acceso a la atenci\u00f3n de salud que presta el sistema, quedando, por tanto, sin posibilidad de tratamiento m\u00e9dico respecto de los efectos sufridos en su integridad f\u00edsica y en ...<br \/><div class=\"pt-cv-rmwrap\"><a href=\"https:\/\/www.dmsjuridica.com\/buscador_20179478954\/corteconstitucionalcronologico202454587\/t-1555-00\/\" class=\"_self pt-cv-readmore btn btn-success\" target=\"_self\">Ver Sentencia Completa...<\/a><\/div><\/div><\/div><\/div>\n<div class=\"col-md-12 col-sm-12 col-xs-12 pt-cv-content-item pt-cv-1-col\" ><div class='pt-cv-ifield'><a href=\"https:\/\/www.dmsjuridica.com\/buscador_20179478954\/corteconstitucionalcronologico202454587\/t-155-00\/\" class=\"_self pt-cv-href-thumbnail pt-cv-thumb-default\" target=\"_self\" ><\/a>\n<div class=\"pt-cv-taxoterm above_title\"><a href='https:\/\/www.dmsjuridica.com\/buscador_20179478954\/corteconstitucionalcronologico202454587\/category\/buscar-en-toda-la-corte\/2000\/tutelas-2000\/' title='Tutelas 2000' class='pt-cv-tax-tutelas-2000'>Tutelas 2000<\/a><\/div>\n<h4 class=\"pt-cv-title\"><a href=\"https:\/\/www.dmsjuridica.com\/buscador_20179478954\/corteconstitucionalcronologico202454587\/t-155-00\/\" class=\"_self\" target=\"_self\" >T-155-00<\/a><\/h4>\n<div class=\"pt-cv-content\">\u00a0 \u00a0 Sentencia T-155\/00 \u00a0 DERECHO A LA SALUD-No suministro de ox\u00edgeno en domicilio del paciente\/DERECHO A LA VIDA-No suministro de ox\u00edgeno en el domicilio del paciente \u00a0 LEGITIMACION POR PASIVA EN TUTELA-Conocimiento \u00a0de la acci\u00f3n por funcionario y no representante legal \u00a0 Referencia: expediente T-252920 \u00a0 Acci\u00f3n de tutela incoada por Angela Mar\u00eda Ruiz Molina, a nombre de Mauricio Quiceno Mu\u00f1et\u00f3n, contra el Seguro Social. \u00a0 Magistrado Ponente: \u00a0 Dr. JOS\u00c9 GREGORIO HERN\u00c1NDEZ GALINDO\u00a0 \u00a0 Santa Fe de Bogot\u00e1, D.C., veintid\u00f3s (22) de febrero de dos mil (2000). \u00a0 La Sala Quinta de Revisi\u00f3n de la Corte Constitucional, en ...<br \/><div class=\"pt-cv-rmwrap\"><a href=\"https:\/\/www.dmsjuridica.com\/buscador_20179478954\/corteconstitucionalcronologico202454587\/t-155-00\/\" class=\"_self pt-cv-readmore btn btn-success\" target=\"_self\">Ver Sentencia Completa...<\/a><\/div><\/div><\/div><\/div>\n<div class=\"col-md-12 col-sm-12 col-xs-12 pt-cv-content-item pt-cv-1-col\" ><div class='pt-cv-ifield'><a href=\"https:\/\/www.dmsjuridica.com\/buscador_20179478954\/corteconstitucionalcronologico202454587\/t-1540-00\/\" class=\"_self pt-cv-href-thumbnail pt-cv-thumb-default\" target=\"_self\" ><\/a>\n<div class=\"pt-cv-taxoterm above_title\"><a href='https:\/\/www.dmsjuridica.com\/buscador_20179478954\/corteconstitucionalcronologico202454587\/category\/buscar-en-toda-la-corte\/2000\/tutelas-2000\/' title='Tutelas 2000' class='pt-cv-tax-tutelas-2000'>Tutelas 2000<\/a><\/div>\n<h4 class=\"pt-cv-title\"><a href=\"https:\/\/www.dmsjuridica.com\/buscador_20179478954\/corteconstitucionalcronologico202454587\/t-1540-00\/\" class=\"_self\" target=\"_self\" >T-1540-00<\/a><\/h4>\n<div class=\"pt-cv-content\">\u00a0 \u00a0 Sentencia T-1540\/00 \u00a0 DERECHO AL MINIMO VITAL DEL PENSIONADO-Pago de mesadas atrasadas \u00a0 EMPLEADOR-Situaci\u00f3n econ\u00f3mica o presupuestal no es \u00f3bice para desconocer pago de mesadas pensionales \u00a0 Reiteraci\u00f3n de Jurisprudencia \u00a0 Referencia: expediente T-335884. \u00a0 Acci\u00f3n de tutela instaurada por Carlos Ricardo Aguilera Castro contra la Universidad del Valle, el Ministerio de Hacienda y Cr\u00e9dito P\u00fablico y el Departamento del Valle del Cauca. \u00a0 Magistrado Ponente: \u00a0 Dr. FABIO MOR\u00d3N D\u00cdAZ \u00a0 Bogot\u00e1 D.C., a los quince (15) d\u00edas del mes de noviembre de dos mil (2000). \u00a0 La Sala S\u00e9ptima de Revisi\u00f3n de la Corte Constitucional, integrada ...<br \/><div class=\"pt-cv-rmwrap\"><a href=\"https:\/\/www.dmsjuridica.com\/buscador_20179478954\/corteconstitucionalcronologico202454587\/t-1540-00\/\" class=\"_self pt-cv-readmore btn btn-success\" target=\"_self\">Ver Sentencia Completa...<\/a><\/div><\/div><\/div><\/div>\n<div class=\"col-md-12 col-sm-12 col-xs-12 pt-cv-content-item pt-cv-1-col\" ><div class='pt-cv-ifield'><a href=\"https:\/\/www.dmsjuridica.com\/buscador_20179478954\/corteconstitucionalcronologico202454587\/t-154-00\/\" class=\"_self pt-cv-href-thumbnail pt-cv-thumb-default\" target=\"_self\" ><\/a>\n<div class=\"pt-cv-taxoterm above_title\"><a href='https:\/\/www.dmsjuridica.com\/buscador_20179478954\/corteconstitucionalcronologico202454587\/category\/buscar-en-toda-la-corte\/2000\/tutelas-2000\/' title='Tutelas 2000' class='pt-cv-tax-tutelas-2000'>Tutelas 2000<\/a><\/div>\n<h4 class=\"pt-cv-title\"><a href=\"https:\/\/www.dmsjuridica.com\/buscador_20179478954\/corteconstitucionalcronologico202454587\/t-154-00\/\" class=\"_self\" target=\"_self\" >T-154-00<\/a><\/h4>\n<div class=\"pt-cv-content\">\u00a0 \u00a0 Sentencia T-154\/00 \u00a0 DERECHO AL PAGO OPORTUNO DE LA PENSION-Rango constitucional \u00a0 DERECHO A LA SALUD DEL PENSIONADO-Mora en aportes por empleador \u00a0 Referencia: expediente T-253604 \u00a0 Acci\u00f3n de tutela instaurada por Luis Antonio Orjuela Tenjo contra Acer\u00edas Paz del R\u00edo S.A.\u00a0 \u00a0 Magistrado Ponente: \u00a0 Dr. JOS\u00c9 GREGORIO HERN\u00c1NDEZ GALINDO \u00a0 Santa Fe de Bogot\u00e1, D.C., veintid\u00f3s (22) de febrero de dos mil (2000). \u00a0 La Sala Quinta de Revisi\u00f3n de la Corte Constitucional, en ejercicio de sus competencias constitucionales y legales, espec\u00edficamente las previstas en los art\u00edculos 86 y 241, numeral 9, de la Constituci\u00f3n Pol\u00edtica ...<br \/><div class=\"pt-cv-rmwrap\"><a href=\"https:\/\/www.dmsjuridica.com\/buscador_20179478954\/corteconstitucionalcronologico202454587\/t-154-00\/\" class=\"_self pt-cv-readmore btn btn-success\" target=\"_self\">Ver Sentencia Completa...<\/a><\/div><\/div><\/div><\/div>\n<div class=\"col-md-12 col-sm-12 col-xs-12 pt-cv-content-item pt-cv-1-col\" ><div class='pt-cv-ifield'><a href=\"https:\/\/www.dmsjuridica.com\/buscador_20179478954\/corteconstitucionalcronologico202454587\/t-1539-00\/\" class=\"_self pt-cv-href-thumbnail pt-cv-thumb-default\" target=\"_self\" ><\/a>\n<div class=\"pt-cv-taxoterm above_title\"><a href='https:\/\/www.dmsjuridica.com\/buscador_20179478954\/corteconstitucionalcronologico202454587\/category\/buscar-en-toda-la-corte\/2000\/tutelas-2000\/' title='Tutelas 2000' class='pt-cv-tax-tutelas-2000'>Tutelas 2000<\/a><\/div>\n<h4 class=\"pt-cv-title\"><a href=\"https:\/\/www.dmsjuridica.com\/buscador_20179478954\/corteconstitucionalcronologico202454587\/t-1539-00\/\" class=\"_self\" target=\"_self\" >T-1539-00<\/a><\/h4>\n<div class=\"pt-cv-content\">\u00a0 \u00a0 Sentencia T-1539\/00 \u00a0 ACCION DE TUTELA-Uso desmedido y arbitrario \u00a0 El mecanismo judicial excepcional de acci\u00f3n de tutela, debe ser utilizado de manera razonable y justificada, para lo cual se estableci\u00f3 en la misma normatividad que la regula, los lineamientos b\u00e1sicos y sus limitaciones, para que su uso se d\u00e9 de manera razonable y ajustada a las necesidades de protecci\u00f3n de los derechos fundamentales vulnerados o amenazados. De esta manera, el uso indiscriminado y desbordado de este mecanismo judicial, encaminado a obtener multiplicidad de decisiones judiciales, genera una grave incertidumbre jur\u00eddica en los casos en que surjan decisiones ...<br \/><div class=\"pt-cv-rmwrap\"><a href=\"https:\/\/www.dmsjuridica.com\/buscador_20179478954\/corteconstitucionalcronologico202454587\/t-1539-00\/\" class=\"_self pt-cv-readmore btn btn-success\" target=\"_self\">Ver Sentencia Completa...<\/a><\/div><\/div><\/div><\/div>\n<div class=\"col-md-12 col-sm-12 col-xs-12 pt-cv-content-item pt-cv-1-col\" ><div class='pt-cv-ifield'><a href=\"https:\/\/www.dmsjuridica.com\/buscador_20179478954\/corteconstitucionalcronologico202454587\/t-1538-00\/\" class=\"_self pt-cv-href-thumbnail pt-cv-thumb-default\" target=\"_self\" ><\/a>\n<div class=\"pt-cv-taxoterm above_title\"><a href='https:\/\/www.dmsjuridica.com\/buscador_20179478954\/corteconstitucionalcronologico202454587\/category\/buscar-en-toda-la-corte\/2000\/tutelas-2000\/' title='Tutelas 2000' class='pt-cv-tax-tutelas-2000'>Tutelas 2000<\/a><\/div>\n<h4 class=\"pt-cv-title\"><a href=\"https:\/\/www.dmsjuridica.com\/buscador_20179478954\/corteconstitucionalcronologico202454587\/t-1538-00\/\" class=\"_self\" target=\"_self\" >T-1538-00<\/a><\/h4>\n<div class=\"pt-cv-content\">\u00a0 \u00a0 Sentencia T-1538\/00 \u00a0 DERECHO A LA IGUALDAD-Discriminaci\u00f3n entre empleados judiciales por r\u00e9gimen de cesant\u00edas parciales \u00a0 ACCION DE TUTELA-Procedencia excepcional pago de acreencias laborales \u00a0 INDEXACION-Actualizaci\u00f3n monetaria que la administraci\u00f3n adeuda\/INDEXACION DE CESANTIAS PARCIALES-Trabajadores de la Rama Judicial \u00a0 Reiteraci\u00f3n de Jurisprudencia \u00a0 Referencia: expedientes T-321036, T-324133, T-325290, T-326318 y T-339212 \u00a0 Acciones de tutela instauradas por Rafael Antonio Cuevas Cuevas, Juan Guillermo Guzm\u00e1n Jaramillo, Alicia Peralta Amaya, Edgar Enrico V\u00e1squez Ben\u00edtez, y Francisco Rodr\u00edguez Prada contra el Ministerio de Hacienda y Cr\u00e9dito P\u00fablico, Administraci\u00f3n Judicial, Registradur\u00eda Nacional del Estado Civil, Universidad del Valle y Gobernaci\u00f3n del Valle ...<br \/><div class=\"pt-cv-rmwrap\"><a href=\"https:\/\/www.dmsjuridica.com\/buscador_20179478954\/corteconstitucionalcronologico202454587\/t-1538-00\/\" class=\"_self pt-cv-readmore btn btn-success\" target=\"_self\">Ver Sentencia Completa...<\/a><\/div><\/div><\/div><\/div>\n<div class=\"col-md-12 col-sm-12 col-xs-12 pt-cv-content-item pt-cv-1-col\" ><div class='pt-cv-ifield'><a href=\"https:\/\/www.dmsjuridica.com\/buscador_20179478954\/corteconstitucionalcronologico202454587\/t-1537-00\/\" class=\"_self pt-cv-href-thumbnail pt-cv-thumb-default\" target=\"_self\" ><\/a>\n<div class=\"pt-cv-taxoterm above_title\"><a href='https:\/\/www.dmsjuridica.com\/buscador_20179478954\/corteconstitucionalcronologico202454587\/category\/buscar-en-toda-la-corte\/2000\/tutelas-2000\/' title='Tutelas 2000' class='pt-cv-tax-tutelas-2000'>Tutelas 2000<\/a><\/div>\n<h4 class=\"pt-cv-title\"><a href=\"https:\/\/www.dmsjuridica.com\/buscador_20179478954\/corteconstitucionalcronologico202454587\/t-1537-00\/\" class=\"_self\" target=\"_self\" >T-1537-00<\/a><\/h4>\n<div class=\"pt-cv-content\">\u00a0 \u00a0 Sentencia T-1537\/00 \u00a0 DERECHO DE PETICION-Alcance\/DERECHO DE PETICION-Respuesta de fondo y completa sobre sustituci\u00f3n pensional \u00a0 Referencia: expediente T-339548 \u00a0 Acci\u00f3n de tutela instaurada por Samira Esquiaqui Laverde contra el Seguro Social. \u00a0 Magistrado Ponente: \u00a0 Dr. JAIRO CHARRY RIVAS \u00a0 Bogot\u00e1, D.C. noviembre veinte (20) de dos mil (2000). \u00a0 La Sala Primera de Revisi\u00f3n de la Corte Constitucional, integrada por los Magistrados Jairo Charry Rivas, Alfredo Beltr\u00e1n Sierra y Martha Victoria S\u00e1chica M\u00e9ndez, en ejercicio de sus competencias constitucionales y legales ha proferido la siguiente \u00a0 SENTENCIA \u00a0 dentro de la acci\u00f3n de tutela instaurada por ...<br \/><div class=\"pt-cv-rmwrap\"><a href=\"https:\/\/www.dmsjuridica.com\/buscador_20179478954\/corteconstitucionalcronologico202454587\/t-1537-00\/\" class=\"_self pt-cv-readmore btn btn-success\" target=\"_self\">Ver Sentencia Completa...<\/a><\/div><\/div><\/div><\/div>\n<div class=\"col-md-12 col-sm-12 col-xs-12 pt-cv-content-item pt-cv-1-col\" ><div class='pt-cv-ifield'><a href=\"https:\/\/www.dmsjuridica.com\/buscador_20179478954\/corteconstitucionalcronologico202454587\/t-1536-00\/\" class=\"_self pt-cv-href-thumbnail pt-cv-thumb-default\" target=\"_self\" ><\/a>\n<div class=\"pt-cv-taxoterm above_title\"><a href='https:\/\/www.dmsjuridica.com\/buscador_20179478954\/corteconstitucionalcronologico202454587\/category\/buscar-en-toda-la-corte\/2000\/tutelas-2000\/' title='Tutelas 2000' class='pt-cv-tax-tutelas-2000'>Tutelas 2000<\/a><\/div>\n<h4 class=\"pt-cv-title\"><a href=\"https:\/\/www.dmsjuridica.com\/buscador_20179478954\/corteconstitucionalcronologico202454587\/t-1536-00\/\" class=\"_self\" target=\"_self\" >T-1536-00<\/a><\/h4>\n<div class=\"pt-cv-content\">\u00a0 \u00a0 Sentencia T-1536\/00 \u00a0 ACCION DE TUTELA-Improcedencia contra actos inciertos \u00a0 ACCION DE TUTELA-Improcedencia sobre controversias de rango legal \u00a0 Acci\u00f3n de tutela instaurada por Luis Vidal Cabezas Qui\u00f1ones contra el Alcalde de Magu\u00ed Pay\u00e1n - Nari\u00f1o. \u00a0 Magistrado Ponente: \u00a0 Dr. ALEJANDROMARTINEZ CABALLERO \u00a0 Bogot\u00e1, D.C., a los diecis\u00e9is (16) d\u00edas del mes de noviembre del a\u00f1o dos mil (2000). \u00a0\u00a0 \u00a0 La Sala Sexta de Revisi\u00f3n de Tutelas de la Corte Constitucional, en ejercicio de sus competencias constitucionales y legales, ha proferido la siguiente \u00a0 SENTENCIA \u00a0 dentro del proceso de revisi\u00f3n de las sentencias proferidas el ...<br \/><div class=\"pt-cv-rmwrap\"><a href=\"https:\/\/www.dmsjuridica.com\/buscador_20179478954\/corteconstitucionalcronologico202454587\/t-1536-00\/\" class=\"_self pt-cv-readmore btn btn-success\" target=\"_self\">Ver Sentencia Completa...<\/a><\/div><\/div><\/div><\/div>\n<div class=\"col-md-12 col-sm-12 col-xs-12 pt-cv-content-item pt-cv-1-col\" ><div class='pt-cv-ifield'><a href=\"https:\/\/www.dmsjuridica.com\/buscador_20179478954\/corteconstitucionalcronologico202454587\/t-1535-00\/\" class=\"_self pt-cv-href-thumbnail pt-cv-thumb-default\" target=\"_self\" ><\/a>\n<div class=\"pt-cv-taxoterm above_title\"><a href='https:\/\/www.dmsjuridica.com\/buscador_20179478954\/corteconstitucionalcronologico202454587\/category\/buscar-en-toda-la-corte\/2000\/tutelas-2000\/' title='Tutelas 2000' class='pt-cv-tax-tutelas-2000'>Tutelas 2000<\/a><\/div>\n<h4 class=\"pt-cv-title\"><a href=\"https:\/\/www.dmsjuridica.com\/buscador_20179478954\/corteconstitucionalcronologico202454587\/t-1535-00\/\" class=\"_self\" target=\"_self\" >T-1535-00<\/a><\/h4>\n<div class=\"pt-cv-content\">\u00a0 \u00a0 Sentencia T-1535\/00 \u00a0 DERECHO A LA SALUD-Connotaciones\/DERECHO A LA SALUD-Alcance \u00a0 ACCION DE TUTELA-Improcedencia para el caso \u00a0 Referencia: expediente T-334036 \u00a0 \u00a0 \u00a0 Acci\u00f3n de tutela instaurada por Sol Marina Hern\u00e1ndez vs. Fundaci\u00f3n M\u00e9dico Preventiva \u00a0 Procedencia: Tribunal Superior de Valledupar \u00a0 Magistrado Ponente: \u00a0 Dr. ALEJANDRO MARTINEZ CABALLERO \u00a0 Santa Fe de Bogot\u00e1, D.C., \u00a0quince (15) de noviembre de dos mil (2.000). \u00a0 La Sala Sexta de Revisi\u00f3n de la Corte Constitucional, integrada por los Magistrados doctores Alejandro Mart\u00ednez Caballero, Fabio Mor\u00f3n D\u00edaz y Cristina Pardo Schlesinger, en ejercicio de sus competencias constitucionales y legales, ha ...<br \/><div class=\"pt-cv-rmwrap\"><a href=\"https:\/\/www.dmsjuridica.com\/buscador_20179478954\/corteconstitucionalcronologico202454587\/t-1535-00\/\" class=\"_self pt-cv-readmore btn btn-success\" target=\"_self\">Ver Sentencia Completa...<\/a><\/div><\/div><\/div><\/div>\n<div class=\"col-md-12 col-sm-12 col-xs-12 pt-cv-content-item pt-cv-1-col\" ><div class='pt-cv-ifield'><a href=\"https:\/\/www.dmsjuridica.com\/buscador_20179478954\/corteconstitucionalcronologico202454587\/t-1534-00\/\" class=\"_self pt-cv-href-thumbnail pt-cv-thumb-default\" target=\"_self\" ><\/a>\n<div class=\"pt-cv-taxoterm above_title\"><a href='https:\/\/www.dmsjuridica.com\/buscador_20179478954\/corteconstitucionalcronologico202454587\/category\/buscar-en-toda-la-corte\/2000\/tutelas-2000\/' title='Tutelas 2000' class='pt-cv-tax-tutelas-2000'>Tutelas 2000<\/a><\/div>\n<h4 class=\"pt-cv-title\"><a href=\"https:\/\/www.dmsjuridica.com\/buscador_20179478954\/corteconstitucionalcronologico202454587\/t-1534-00\/\" class=\"_self\" target=\"_self\" >T-1534-00<\/a><\/h4>\n<div class=\"pt-cv-content\">\u00a0 \u00a0 Sentencia T-1534\/00 \u00a0 DERECHO A LA IGUALDAD-Discriminaci\u00f3n entre empleados judiciales por r\u00e9gimen de cesant\u00edas parciales \u00a0 Reiteraci\u00f3n de la jurisprudencia \u00a0 Referencia: expediente T-337083 \u00a0 Acci\u00f3n de tutela contra el Ministro de Hacienda y Cr\u00e9dito P\u00fablico y la Administraci\u00f3n Judicial del Magdalena por una presunta violaci\u00f3n del derecho a la igualdad. \u00a0 Tema: \u00a0 Cesant\u00edas parciales. \u00a0 Actores: Aliut Centeno Ardila, M\u00e1ximo Miguel Morr\u00f3n Morales, Raquel Olarte de Carbonell, y Jaime Tejeda Villafa\u00f1e. \u00a0 Magistrado Ponente:\u00a0 \u00a0 Dr. CARLOS GAVIRIA D\u00cdAZ \u00a0 Bogot\u00e1 D.C., quince (15) de noviembre del a\u00f1o dos mil (2000). \u00a0 La Sala Cuarta de ...<br \/><div class=\"pt-cv-rmwrap\"><a href=\"https:\/\/www.dmsjuridica.com\/buscador_20179478954\/corteconstitucionalcronologico202454587\/t-1534-00\/\" class=\"_self pt-cv-readmore btn btn-success\" target=\"_self\">Ver Sentencia Completa...<\/a><\/div><\/div><\/div><\/div>\n<div class=\"col-md-12 col-sm-12 col-xs-12 pt-cv-content-item pt-cv-1-col\" ><div class='pt-cv-ifield'><a href=\"https:\/\/www.dmsjuridica.com\/buscador_20179478954\/corteconstitucionalcronologico202454587\/t-1533-00\/\" class=\"_self pt-cv-href-thumbnail pt-cv-thumb-default\" target=\"_self\" ><\/a>\n<div class=\"pt-cv-taxoterm above_title\"><a href='https:\/\/www.dmsjuridica.com\/buscador_20179478954\/corteconstitucionalcronologico202454587\/category\/buscar-en-toda-la-corte\/2000\/tutelas-2000\/' title='Tutelas 2000' class='pt-cv-tax-tutelas-2000'>Tutelas 2000<\/a><\/div>\n<h4 class=\"pt-cv-title\"><a href=\"https:\/\/www.dmsjuridica.com\/buscador_20179478954\/corteconstitucionalcronologico202454587\/t-1533-00\/\" class=\"_self\" target=\"_self\" >T-1533-00<\/a><\/h4>\n<div class=\"pt-cv-content\">\u00a0 \u00a0 Sentencia T-1533\/00 \u00a0 DERECHO DE PETICION-Contestaci\u00f3n de fondo, clara y precisa \u00a0 Reiteraci\u00f3n de la jurisprudencia \u00a0 Referencia: expediente T-336448 \u00a0 Acci\u00f3n de tutela contra el Instituto de los Seguros Sociales, Seccional del Valle del Cauca por una presunta violaci\u00f3n del derecho de petici\u00f3n. \u00a0 Tema: Derecho de petici\u00f3n. \u00a0 Actor: Luis Aureliano Josa Josa \u00a0 Magistrado Ponente:\u00a0 \u00a0 Dr. CARLOS GAVIRIA D\u00cdAZ \u00a0 Bogot\u00e1 D.C., quince (15) de noviembre del a\u00f1o dos mil (2000). \u00a0 La Sala Cuarta de Revisi\u00f3n de Tutelas de la Corte Constitucional, compuesta por los Magistrados Jos\u00e9 Gregorio Hern\u00e1ndez Galindo, Alejandro Mart\u00ednez Caballero, ...<br \/><div class=\"pt-cv-rmwrap\"><a href=\"https:\/\/www.dmsjuridica.com\/buscador_20179478954\/corteconstitucionalcronologico202454587\/t-1533-00\/\" class=\"_self pt-cv-readmore btn btn-success\" target=\"_self\">Ver Sentencia Completa...<\/a><\/div><\/div><\/div><\/div>\n<div class=\"col-md-12 col-sm-12 col-xs-12 pt-cv-content-item pt-cv-1-col\" ><div class='pt-cv-ifield'><a href=\"https:\/\/www.dmsjuridica.com\/buscador_20179478954\/corteconstitucionalcronologico202454587\/t-1532-00\/\" class=\"_self pt-cv-href-thumbnail pt-cv-thumb-default\" target=\"_self\" ><\/a>\n<div class=\"pt-cv-taxoterm above_title\"><a href='https:\/\/www.dmsjuridica.com\/buscador_20179478954\/corteconstitucionalcronologico202454587\/category\/buscar-en-toda-la-corte\/2000\/tutelas-2000\/' title='Tutelas 2000' class='pt-cv-tax-tutelas-2000'>Tutelas 2000<\/a><\/div>\n<h4 class=\"pt-cv-title\"><a href=\"https:\/\/www.dmsjuridica.com\/buscador_20179478954\/corteconstitucionalcronologico202454587\/t-1532-00\/\" class=\"_self\" target=\"_self\" >T-1532-00<\/a><\/h4>\n<div class=\"pt-cv-content\">\u00a0 \u00a0 Sentencia T-1532\/00 \u00a0 JUEZ CONSTITUCIONAL-Improcedencia para sustituir a las autoridades en las competencias asignadas por la Constituci\u00f3n Pol\u00edtica \u00a0 GOBIERNO NACIONAL-Formulaci\u00f3n anual del presupuesto \u00a0y ley de apropiaciones\u00a0 \u00a0 JUEZ DE TUTELA-Imposibilidad de modificar presupuesto para incremento salarial de servidores p\u00fablicos \u00a0 ACCION DE TUTELA TRANSITORIA-Improcedencia incremento salarial para servidores p\u00fablicos \u00a0 Reiteraci\u00f3n de jurisprudencia \u00a0 Referencia: expedientes acumulados T-324358, 335825, 335826, 335827, 335828, 335829, 335830, 335831, 335832, 335833, 335834, 335835, 335836, 335837, 335838, 335839, 335840, 335841, \u00a0 335842, 335843, 335844, 335845, 335846, 335847, 335848, 335849, 335850, 335851, 335852, 335853, 335854, 335855, 335856, 335857, 335858, 335877, 335879, 335882, ...<br \/><div class=\"pt-cv-rmwrap\"><a href=\"https:\/\/www.dmsjuridica.com\/buscador_20179478954\/corteconstitucionalcronologico202454587\/t-1532-00\/\" class=\"_self pt-cv-readmore btn btn-success\" target=\"_self\">Ver Sentencia Completa...<\/a><\/div><\/div><\/div><\/div>\n<div class=\"col-md-12 col-sm-12 col-xs-12 pt-cv-content-item pt-cv-1-col\" ><div class='pt-cv-ifield'><a href=\"https:\/\/www.dmsjuridica.com\/buscador_20179478954\/corteconstitucionalcronologico202454587\/t-1531-00\/\" class=\"_self pt-cv-href-thumbnail pt-cv-thumb-default\" target=\"_self\" ><\/a>\n<div class=\"pt-cv-taxoterm above_title\"><a href='https:\/\/www.dmsjuridica.com\/buscador_20179478954\/corteconstitucionalcronologico202454587\/category\/buscar-en-toda-la-corte\/2000\/tutelas-2000\/' title='Tutelas 2000' class='pt-cv-tax-tutelas-2000'>Tutelas 2000<\/a><\/div>\n<h4 class=\"pt-cv-title\"><a href=\"https:\/\/www.dmsjuridica.com\/buscador_20179478954\/corteconstitucionalcronologico202454587\/t-1531-00\/\" class=\"_self\" target=\"_self\" >T-1531-00<\/a><\/h4>\n<div class=\"pt-cv-content\">\u00a0 \u00a0 Sentencia T-1531\/00\u00a0 \u00a0 REGLAMENTO EDUCATIVO-No puede tipificar como falta el embarazo\/DERECHO A LA EDUCACION DE MUJER EMBARAZADA-Desescolarizaci\u00f3n \u00a0 DERECHO A LA IGUALDAD-Discriminaci\u00f3n por embarazo \u00a0 Referencia: expediente T-337.674\u00a0 \u00a0 Acci\u00f3n de tutela instaurada por Melida Lorena Rosero Campo contra el Colegio Mayor de Santiago de Cali.\u00a0 \u00a0 Magistrado Ponente \u00a0 Dr. ALVARO TAFUR GALVIS \u00a0 Bogot\u00e1, D.C., catorce (14) de noviembre de dos mil (2000) \u00a0 En desarrollo de sus atribuciones constitucionales y legales, la Sala Novena de Revisi\u00f3n de Tutelas de la Corte Constitucional, integrada por los Magistrados, Alfredo Beltr\u00e1n Sierra, Jairo Charry Rivas (E) y Alvaro ...<br \/><div class=\"pt-cv-rmwrap\"><a href=\"https:\/\/www.dmsjuridica.com\/buscador_20179478954\/corteconstitucionalcronologico202454587\/t-1531-00\/\" class=\"_self pt-cv-readmore btn btn-success\" target=\"_self\">Ver Sentencia Completa...<\/a><\/div><\/div><\/div><\/div>\n<div class=\"col-md-12 col-sm-12 col-xs-12 pt-cv-content-item pt-cv-1-col\" ><div class='pt-cv-ifield'><a href=\"https:\/\/www.dmsjuridica.com\/buscador_20179478954\/corteconstitucionalcronologico202454587\/t-1530-00\/\" class=\"_self pt-cv-href-thumbnail pt-cv-thumb-default\" target=\"_self\" ><\/a>\n<div class=\"pt-cv-taxoterm above_title\"><a href='https:\/\/www.dmsjuridica.com\/buscador_20179478954\/corteconstitucionalcronologico202454587\/category\/buscar-en-toda-la-corte\/2000\/tutelas-2000\/' title='Tutelas 2000' class='pt-cv-tax-tutelas-2000'>Tutelas 2000<\/a><\/div>\n<h4 class=\"pt-cv-title\"><a href=\"https:\/\/www.dmsjuridica.com\/buscador_20179478954\/corteconstitucionalcronologico202454587\/t-1530-00\/\" class=\"_self\" target=\"_self\" >T-1530-00<\/a><\/h4>\n<div class=\"pt-cv-content\">\u00a0 \u00a0 Sentencia T-1530\/00 \u00a0 DERECHO AL MINIMO VITAL DEL PENSIONADO-Pago oportuno de mesadas \u00a0 ENTIDAD PUBLICA-Pago oportuno de pensiones\/PARTIDA PRESUPUESTAL-Pago oportuno de pensiones\/PENSION DE JUBILACION-Apropiaci\u00f3n presupuestal \u00a0 Referencia: expediente T-373351 \u00a0 Peticionario: Miguel Adriano Alvarez Delgado\u00a0 \u00a0 Magistrado Ponente:\u00a0 \u00a0 Dr. ALFREDO BELTR\u00c1N SIERRA. \u00a0 Bogot\u00e1, D.C., noviembre catorce (14) de dos mil (2000). \u00a0 La Sala Segunda de Revisi\u00f3n de la Corte Constitucional, integrada por los magistrados, Alfredo Beltr\u00e1n Sierra, Carlos Gaviria D\u00edaz y Martha S\u00e1chica de Moncaleano (e), en ejercicio de sus competencias constitucionales y legales, ha proferido la siguiente : \u00a0 SENTENCIA \u00a0 El expediente lleg\u00f3 ...<br \/><div class=\"pt-cv-rmwrap\"><a href=\"https:\/\/www.dmsjuridica.com\/buscador_20179478954\/corteconstitucionalcronologico202454587\/t-1530-00\/\" class=\"_self pt-cv-readmore btn btn-success\" target=\"_self\">Ver Sentencia Completa...<\/a><\/div><\/div><\/div><\/div>\n<div class=\"col-md-12 col-sm-12 col-xs-12 pt-cv-content-item pt-cv-1-col\" ><div class='pt-cv-ifield'><a href=\"https:\/\/www.dmsjuridica.com\/buscador_20179478954\/corteconstitucionalcronologico202454587\/t-153-00\/\" class=\"_self pt-cv-href-thumbnail pt-cv-thumb-default\" target=\"_self\" ><\/a>\n<div class=\"pt-cv-taxoterm above_title\"><a href='https:\/\/www.dmsjuridica.com\/buscador_20179478954\/corteconstitucionalcronologico202454587\/category\/buscar-en-toda-la-corte\/2000\/tutelas-2000\/' title='Tutelas 2000' class='pt-cv-tax-tutelas-2000'>Tutelas 2000<\/a><\/div>\n<h4 class=\"pt-cv-title\"><a href=\"https:\/\/www.dmsjuridica.com\/buscador_20179478954\/corteconstitucionalcronologico202454587\/t-153-00\/\" class=\"_self\" target=\"_self\" >T-153-00<\/a><\/h4>\n<div class=\"pt-cv-content\">\u00a0 \u00a0 Sentencia T-153\/00 \u00a0 DERECHO A LA SALUD DEL NI\u00d1O-Fundamental\/PREVALENCIA DE DERECHOS DEL NI\u00d1O Y PRINCIPIO DE IGUALDAD REAL Y EFECTIVA-Concordancia \u00a0 DISMINUIDO SENSORIAL-Atenci\u00f3n especializada \u00a0 DERECHO A LA SALUD DEL NI\u00d1O CON DISMINUCION SENSORIAL-Pr\u00e1ctica de cirug\u00eda coclear excluida del POS \u00a0 INAPLICACION DE NORMAS DEL PLAN OBLIGATORIO DE SALUD-Pr\u00e1ctica de cirug\u00eda coclear excluida del POS \u00a0 Referencia: expediente T-252584 \u00a0 Acci\u00f3n de tutela incoada por Hermes Urquijo Luna, en nombre y representaci\u00f3n de Hermes Urquijo Vidales, contra EPS \"Convida\" \u00a0 Magistrado Ponente: \u00a0 Dr. JOSE GREGORIO HERNANDEZ GALINDO\u00a0 \u00a0 Aprobada en Santa Fe de Bogot\u00e1, D.C., veintid\u00f3s (22) ...<br \/><div class=\"pt-cv-rmwrap\"><a href=\"https:\/\/www.dmsjuridica.com\/buscador_20179478954\/corteconstitucionalcronologico202454587\/t-153-00\/\" class=\"_self pt-cv-readmore btn btn-success\" target=\"_self\">Ver Sentencia Completa...<\/a><\/div><\/div><\/div><\/div>\n<div class=\"col-md-12 col-sm-12 col-xs-12 pt-cv-content-item pt-cv-1-col\" ><div class='pt-cv-ifield'><a href=\"https:\/\/www.dmsjuridica.com\/buscador_20179478954\/corteconstitucionalcronologico202454587\/t-1529-00\/\" class=\"_self pt-cv-href-thumbnail pt-cv-thumb-default\" target=\"_self\" ><\/a>\n<div class=\"pt-cv-taxoterm above_title\"><a href='https:\/\/www.dmsjuridica.com\/buscador_20179478954\/corteconstitucionalcronologico202454587\/category\/buscar-en-toda-la-corte\/2000\/tutelas-2000\/' title='Tutelas 2000' class='pt-cv-tax-tutelas-2000'>Tutelas 2000<\/a><\/div>\n<h4 class=\"pt-cv-title\"><a href=\"https:\/\/www.dmsjuridica.com\/buscador_20179478954\/corteconstitucionalcronologico202454587\/t-1529-00\/\" class=\"_self\" target=\"_self\" >T-1529-00<\/a><\/h4>\n<div class=\"pt-cv-content\">\u00a0 \u00a0 Sentencia T-1529\/00 \u00a0 DERECHO A LA IGUALDAD-Omisi\u00f3n del juzgado en excluir el nombre del actor en la parte resolutiva del fallo\/DERECHO DE ACCESO A LA ADMINISTRACION DE JUSTICIA-Omisi\u00f3n del juzgado al excluir el nombre del actor en la parte resolutiva del fallo \u00a0 Sobre el demandante de esta acci\u00f3n no existi\u00f3 ning\u00fan pronunciamiento pese a que actu\u00f3 como actor dentro de la mencionada acci\u00f3n interpuesta ante el Juzgado Sexto Civil del Circuito de Medell\u00edn, su nombre se encuentra en la parte motiva de la misma y no fue desvinculado ni desisti\u00f3 de la acci\u00f3n, raz\u00f3n por la que ...<br \/><div class=\"pt-cv-rmwrap\"><a href=\"https:\/\/www.dmsjuridica.com\/buscador_20179478954\/corteconstitucionalcronologico202454587\/t-1529-00\/\" class=\"_self pt-cv-readmore btn btn-success\" target=\"_self\">Ver Sentencia Completa...<\/a><\/div><\/div><\/div><\/div>\n<div class=\"col-md-12 col-sm-12 col-xs-12 pt-cv-content-item pt-cv-1-col\" ><div class='pt-cv-ifield'><a href=\"https:\/\/www.dmsjuridica.com\/buscador_20179478954\/corteconstitucionalcronologico202454587\/t-1528-00\/\" class=\"_self pt-cv-href-thumbnail pt-cv-thumb-default\" target=\"_self\" ><\/a>\n<div class=\"pt-cv-taxoterm above_title\"><a href='https:\/\/www.dmsjuridica.com\/buscador_20179478954\/corteconstitucionalcronologico202454587\/category\/buscar-en-toda-la-corte\/2000\/tutelas-2000\/' title='Tutelas 2000' class='pt-cv-tax-tutelas-2000'>Tutelas 2000<\/a><\/div>\n<h4 class=\"pt-cv-title\"><a href=\"https:\/\/www.dmsjuridica.com\/buscador_20179478954\/corteconstitucionalcronologico202454587\/t-1528-00\/\" class=\"_self\" target=\"_self\" >T-1528-00<\/a><\/h4>\n<div class=\"pt-cv-content\">\u00a0 \u00a0 Sentencia T-1528\/00 \u00a0 ACCION DE TUTELA-Improcedencia por inexistencia de amenaza o vulneraci\u00f3n de derechos \u00a0 ACCION DE TUTELA-Improcedencia para ordenar ascenso autom\u00e1tico de oficial de las fuerzas militares \u00a0 Lo pretendido por el actor con la acci\u00f3n de tutela, como el mismo lo afirma, no es el estudio de su hoja de vida para el pr\u00f3ximo Comit\u00e9 Evaluador, sino que se ordene su promoci\u00f3n al grado superior, circunstancia que resulta absolutamente improcedente por v\u00eda de tutela, pues no podr\u00eda la Corte sin violar ah\u00ed si el debido proceso, inmiscuirse en competencias propias del Presidente de la Rep\u00fablica y, ...<br \/><div class=\"pt-cv-rmwrap\"><a href=\"https:\/\/www.dmsjuridica.com\/buscador_20179478954\/corteconstitucionalcronologico202454587\/t-1528-00\/\" class=\"_self pt-cv-readmore btn btn-success\" target=\"_self\">Ver Sentencia Completa...<\/a><\/div><\/div><\/div><\/div>\n<div class=\"col-md-12 col-sm-12 col-xs-12 pt-cv-content-item pt-cv-1-col\" ><div class='pt-cv-ifield'><a href=\"https:\/\/www.dmsjuridica.com\/buscador_20179478954\/corteconstitucionalcronologico202454587\/t-1527-00\/\" class=\"_self pt-cv-href-thumbnail pt-cv-thumb-default\" target=\"_self\" ><\/a>\n<div class=\"pt-cv-taxoterm above_title\"><a href='https:\/\/www.dmsjuridica.com\/buscador_20179478954\/corteconstitucionalcronologico202454587\/category\/buscar-en-toda-la-corte\/2000\/tutelas-2000\/' title='Tutelas 2000' class='pt-cv-tax-tutelas-2000'>Tutelas 2000<\/a><\/div>\n<h4 class=\"pt-cv-title\"><a href=\"https:\/\/www.dmsjuridica.com\/buscador_20179478954\/corteconstitucionalcronologico202454587\/t-1527-00\/\" class=\"_self\" target=\"_self\" >T-1527-00<\/a><\/h4>\n<div class=\"pt-cv-content\">\u00a0 \u00a0 Sentencia T-1527\/00 \u00a0 ACCION DE TUTELA CONTRA PARTICULARES-Indefensi\u00f3n \u00a0 DERECHO AL AMBIENTE SANO-Conexidad con derechos fundamentales hace prevalente la protecci\u00f3n por tutela \u00a0 DERECHO A LA SALUD Y A LA VIDA DEL NI\u00d1O-Prevalencia \u00a0 ACTIVIDAD ECONOMICA-Sujeci\u00f3n a normas ambientales \u00a0 Referencia: expediente T-355.642. \u00a0 Actora: M\u00f3nica Jackelin Usuga Ort\u00edz, en representaci\u00f3n de los menores Gabriel Jaime y Hector Mario Cruz Usuga. \u00a0 Procedencia: Tribunal Superior de Medell\u00edn, Sala Civil. \u00a0 Magistrado Ponente: \u00a0 Dr. ALFREDO BELTR\u00c1N SIERRA \u00a0 Sentencia aprobada en Bogot\u00e1 D.C., a los catorce (14) d\u00edas del mes de noviembre del dos mil (2000). \u00a0 La ...<br \/><div class=\"pt-cv-rmwrap\"><a href=\"https:\/\/www.dmsjuridica.com\/buscador_20179478954\/corteconstitucionalcronologico202454587\/t-1527-00\/\" class=\"_self pt-cv-readmore btn btn-success\" target=\"_self\">Ver Sentencia Completa...<\/a><\/div><\/div><\/div><\/div>\n<div class=\"col-md-12 col-sm-12 col-xs-12 pt-cv-content-item pt-cv-1-col\" ><div class='pt-cv-ifield'><a href=\"https:\/\/www.dmsjuridica.com\/buscador_20179478954\/corteconstitucionalcronologico202454587\/t-1526-00\/\" class=\"_self pt-cv-href-thumbnail pt-cv-thumb-default\" target=\"_self\" ><\/a>\n<div class=\"pt-cv-taxoterm above_title\"><a href='https:\/\/www.dmsjuridica.com\/buscador_20179478954\/corteconstitucionalcronologico202454587\/category\/buscar-en-toda-la-corte\/2000\/tutelas-2000\/' title='Tutelas 2000' class='pt-cv-tax-tutelas-2000'>Tutelas 2000<\/a><\/div>\n<h4 class=\"pt-cv-title\"><a href=\"https:\/\/www.dmsjuridica.com\/buscador_20179478954\/corteconstitucionalcronologico202454587\/t-1526-00\/\" class=\"_self\" target=\"_self\" >T-1526-00<\/a><\/h4>\n<div class=\"pt-cv-content\">\u00a0 \u00a0 Sentencia T-1526\/00 \u00a0 EMPLEADOR-Asunci\u00f3n de responsabilidad por no pago de aportes en seguridad social \u00a0 Referencia: expediente T-351.777 \u00a0 Acci\u00f3n de tutela instaurada por Martha Cecilia Correa S\u00e1nchez contra el Instituto de Seguro Social, Seccional Antioquia. \u00a0 Magistrado Ponente: \u00a0 Dr. ALFREDO BELTR\u00c1N SIERRA. \u00a0 Bogot\u00e1, D.C., catorce (14) de noviembre del a\u00f1o dos mil (2.000). \u00a0 La Sala Segunda de Revisi\u00f3n de la Corte Constitucional, en ejercicio de sus competencias constitucionales y legales, ha proferido la siguiente\u00a0 \u00a0 SENTENCIA\u00a0 \u00a0 en el proceso de revisi\u00f3n del fallo adoptado por el Tribunal Superior de Medell\u00edn, Sala de decisi\u00f3n ...<br \/><div class=\"pt-cv-rmwrap\"><a href=\"https:\/\/www.dmsjuridica.com\/buscador_20179478954\/corteconstitucionalcronologico202454587\/t-1526-00\/\" class=\"_self pt-cv-readmore btn btn-success\" target=\"_self\">Ver Sentencia Completa...<\/a><\/div><\/div><\/div><\/div>\n<div class=\"col-md-12 col-sm-12 col-xs-12 pt-cv-content-item pt-cv-1-col\" ><div class='pt-cv-ifield'><a href=\"https:\/\/www.dmsjuridica.com\/buscador_20179478954\/corteconstitucionalcronologico202454587\/t-1525-00\/\" class=\"_self pt-cv-href-thumbnail pt-cv-thumb-default\" target=\"_self\" ><\/a>\n<div class=\"pt-cv-taxoterm above_title\"><a href='https:\/\/www.dmsjuridica.com\/buscador_20179478954\/corteconstitucionalcronologico202454587\/category\/buscar-en-toda-la-corte\/2000\/tutelas-2000\/' title='Tutelas 2000' class='pt-cv-tax-tutelas-2000'>Tutelas 2000<\/a><\/div>\n<h4 class=\"pt-cv-title\"><a href=\"https:\/\/www.dmsjuridica.com\/buscador_20179478954\/corteconstitucionalcronologico202454587\/t-1525-00\/\" class=\"_self\" target=\"_self\" >T-1525-00<\/a><\/h4>\n<div class=\"pt-cv-content\">\u00a0 \u00a0 \u00a0 \u00a0 \u00a0 \u00a0 \u00a0 \u00a0 \u00a0 \u00a0 \u00a0 Sentencia T-1525\/00 \u00a0 JUEZ CONSTITUCIONAL-Improcedencia para sustituir a las autoridades en las competencias asignadas por la constituci\u00f3n pol\u00edtica \u00a0 GOBIERNO NACIONAL-Formulaci\u00f3n anual del presupuesto y ley de apropiaciones\/JUEZ DE TUTELA-Imposibilidad de modificar presupuesto para incremento salarial de servidores p\u00fablicos \u00a0 ACCION DE TUTELA TRANSITORIA-Improcedencia incremento salarial para servidores p\u00fablicos \u00a0 Referencia: expedientes T-364755 y otros \u00a0 Accionantes: Marha Estella Pab\u00f3n Casta\u00f1eda y otros \u00a0 Magistrado Ponente:\u00a0 \u00a0 Dr. ALEJANDRO MART\u00cdNEZ CABALLERO \u00a0 Bogot\u00e1, \u00a0()de diciembre de dos mil (2000) \u00a0 La Sala Sexta de Revisi\u00f3n de la Corte Constitucional, ...<br \/><div class=\"pt-cv-rmwrap\"><a href=\"https:\/\/www.dmsjuridica.com\/buscador_20179478954\/corteconstitucionalcronologico202454587\/t-1525-00\/\" class=\"_self pt-cv-readmore btn btn-success\" target=\"_self\">Ver Sentencia Completa...<\/a><\/div><\/div><\/div><\/div>\n<div class=\"col-md-12 col-sm-12 col-xs-12 pt-cv-content-item pt-cv-1-col\" ><div class='pt-cv-ifield'><a href=\"https:\/\/www.dmsjuridica.com\/buscador_20179478954\/corteconstitucionalcronologico202454587\/t-1524-00\/\" class=\"_self pt-cv-href-thumbnail pt-cv-thumb-default\" target=\"_self\" ><\/a>\n<div class=\"pt-cv-taxoterm above_title\"><a href='https:\/\/www.dmsjuridica.com\/buscador_20179478954\/corteconstitucionalcronologico202454587\/category\/buscar-en-toda-la-corte\/2000\/tutelas-2000\/' title='Tutelas 2000' class='pt-cv-tax-tutelas-2000'>Tutelas 2000<\/a><\/div>\n<h4 class=\"pt-cv-title\"><a href=\"https:\/\/www.dmsjuridica.com\/buscador_20179478954\/corteconstitucionalcronologico202454587\/t-1524-00\/\" class=\"_self\" target=\"_self\" >T-1524-00<\/a><\/h4>\n<div class=\"pt-cv-content\">\u00a0 \u00a0 Sentencia T-1524\/00 \u00a0 DERECHO A LA SALUD-Fundamental por conexidad con la vida \u00a0 INAPLICACION DE NORMAS DEL PLAN OBLIGATORIO DE SALUD-Pr\u00e1ctica de ex\u00e1menes excluidos del manual de actividades, intervenciones y procedimientos \u00a0 ENTIDAD PROMOTORA DE SALUD-Tratamiento m\u00e9dico excluido del POS\/ENTIDAD PROMOTORA DE SALUD-Repetici\u00f3n contra el FOSYGA \u00a0 La EPS deber\u00e1 brindar la atenci\u00f3n requerida, a\u00fan cuando el servicio no figure dentro del POS. \u00a0Sin embargo, ello no significa que sea la EPS quien deba asumir el desequilibrio financiero en detrimento de su patrimonio: \u00a0Si bien es claro que tiene la obligaci\u00f3n de prestar el servicio, tambi\u00e9n lo es ...<br \/><div class=\"pt-cv-rmwrap\"><a href=\"https:\/\/www.dmsjuridica.com\/buscador_20179478954\/corteconstitucionalcronologico202454587\/t-1524-00\/\" class=\"_self pt-cv-readmore btn btn-success\" target=\"_self\">Ver Sentencia Completa...<\/a><\/div><\/div><\/div><\/div>\n<div class=\"col-md-12 col-sm-12 col-xs-12 pt-cv-content-item pt-cv-1-col\" ><div class='pt-cv-ifield'><a href=\"https:\/\/www.dmsjuridica.com\/buscador_20179478954\/corteconstitucionalcronologico202454587\/t-1523-00\/\" class=\"_self pt-cv-href-thumbnail pt-cv-thumb-default\" target=\"_self\" ><\/a>\n<div class=\"pt-cv-taxoterm above_title\"><a href='https:\/\/www.dmsjuridica.com\/buscador_20179478954\/corteconstitucionalcronologico202454587\/category\/buscar-en-toda-la-corte\/2000\/tutelas-2000\/' title='Tutelas 2000' class='pt-cv-tax-tutelas-2000'>Tutelas 2000<\/a><\/div>\n<h4 class=\"pt-cv-title\"><a href=\"https:\/\/www.dmsjuridica.com\/buscador_20179478954\/corteconstitucionalcronologico202454587\/t-1523-00\/\" class=\"_self\" target=\"_self\" >T-1523-00<\/a><\/h4>\n<div class=\"pt-cv-content\">\u00a0 \u00a0 Sentencia T-1523\/00 \u00a0 SUBSIDIO FAMILIAR-Naturaleza jur\u00eddica \u00a0 DERECHO AL SUBSIDIO FAMILIAR DEL NI\u00d1O-Protecci\u00f3n por tutela \u00a0 Referencia: expedientes T-341402 y 341629 \u00a0 Acciones de tutela incoadas por Abraham Cort\u00e9s Ludgardo y Fabian Gonzalo Cano L\u00f3pez contra el Municipio de Cali y el Hospital San Fernando de Amag\u00e1. \u00a0 Magistrado Ponente: \u00a0 Dr. JOS\u00c9 GREGORIO HERN\u00c1NDEZ GALINDO \u00a0 Bogot\u00e1, D.C., nueve (9) de noviembre de dos mil (2000). \u00a0 La Sala Quinta de Revisi\u00f3n de la Corte Constitucional, en ejercicio de sus competencias constitucionales y legales, espec\u00edficamente las previstas en los art\u00edculos 86 y \u00a0241, numeral 9, de la ...<br \/><div class=\"pt-cv-rmwrap\"><a href=\"https:\/\/www.dmsjuridica.com\/buscador_20179478954\/corteconstitucionalcronologico202454587\/t-1523-00\/\" class=\"_self pt-cv-readmore btn btn-success\" target=\"_self\">Ver Sentencia Completa...<\/a><\/div><\/div><\/div><\/div>\n<div class=\"col-md-12 col-sm-12 col-xs-12 pt-cv-content-item pt-cv-1-col\" ><div class='pt-cv-ifield'><a href=\"https:\/\/www.dmsjuridica.com\/buscador_20179478954\/corteconstitucionalcronologico202454587\/t-1522-00\/\" class=\"_self pt-cv-href-thumbnail pt-cv-thumb-default\" target=\"_self\" ><\/a>\n<div class=\"pt-cv-taxoterm above_title\"><a href='https:\/\/www.dmsjuridica.com\/buscador_20179478954\/corteconstitucionalcronologico202454587\/category\/buscar-en-toda-la-corte\/2000\/tutelas-2000\/' title='Tutelas 2000' class='pt-cv-tax-tutelas-2000'>Tutelas 2000<\/a><\/div>\n<h4 class=\"pt-cv-title\"><a href=\"https:\/\/www.dmsjuridica.com\/buscador_20179478954\/corteconstitucionalcronologico202454587\/t-1522-00\/\" class=\"_self\" target=\"_self\" >T-1522-00<\/a><\/h4>\n<div class=\"pt-cv-content\">\u00a0 \u00a0 Sentencia T-1522\/00 \u00a0 ACCION DE TUTELA CONTRA PARTICULARES-Subordinaci\u00f3n \u00a0 EMPLEADOR-Asunci\u00f3n de responsabilidad por mora en aportes en salud \u00a0 PROCESO DE LIQUIDACION OBLIGATORIA-Pago oportuno de obligaciones con ocasi\u00f3n de relaciones laborales \u00a0 Referencia: expediente 249486 \u00a0 Acci\u00f3n de tutela incoada por Iv\u00e1n Antonio Agudelo y otros contra el Seguro Social, Seccional Antioquia. \u00a0 Magistrado Ponente: \u00a0 Dr. JOS\u00c9 GREGORIO HERN\u00c1NDEZ GALINDO \u00a0 Bogot\u00e1, D.C., nueve (9) de noviembre de dos mil (2000). \u00a0 La Sala Quinta de Revisi\u00f3n de la Corte Constitucional, en ejercicio de sus competencias constitucionales y legales, espec\u00edficamente las previstas en los art\u00edculos 86 y ...<br \/><div class=\"pt-cv-rmwrap\"><a href=\"https:\/\/www.dmsjuridica.com\/buscador_20179478954\/corteconstitucionalcronologico202454587\/t-1522-00\/\" class=\"_self pt-cv-readmore btn btn-success\" target=\"_self\">Ver Sentencia Completa...<\/a><\/div><\/div><\/div><\/div>\n<div class=\"col-md-12 col-sm-12 col-xs-12 pt-cv-content-item pt-cv-1-col\" ><div class='pt-cv-ifield'><a href=\"https:\/\/www.dmsjuridica.com\/buscador_20179478954\/corteconstitucionalcronologico202454587\/t-1521-00\/\" class=\"_self pt-cv-href-thumbnail pt-cv-thumb-default\" target=\"_self\" ><\/a>\n<div class=\"pt-cv-taxoterm above_title\"><a href='https:\/\/www.dmsjuridica.com\/buscador_20179478954\/corteconstitucionalcronologico202454587\/category\/buscar-en-toda-la-corte\/2000\/tutelas-2000\/' title='Tutelas 2000' class='pt-cv-tax-tutelas-2000'>Tutelas 2000<\/a><\/div>\n<h4 class=\"pt-cv-title\"><a href=\"https:\/\/www.dmsjuridica.com\/buscador_20179478954\/corteconstitucionalcronologico202454587\/t-1521-00\/\" class=\"_self\" target=\"_self\" >T-1521-00<\/a><\/h4>\n<div class=\"pt-cv-content\">\u00a0 \u00a0 Sentencia T-1521\/00 \u00a0 ACCION DE TUTELA-Hecho superado por pago de acreencias laborales \u00a0 Referencia: expedientes T-302729, T-302730, T-302731, T-302732, T-302734, T-306606, T-306607, T-306608, T-306609, T-306610, T-306611, T-306612 \u00a0 Acciones de tutela instauradas por Antonia de Jes\u00fas de la Hoz y otros contra el Departamento del Cesar. \u00a0 Magistrado Ponente: \u00a0 Dr. ALEJANDRO MARTINEZ CABALLERO \u00a0 Bogot\u00e1, D.C., a los diez (10) d\u00edas del mes de noviembre del a\u00f1o dos mil (2000). \u00a0\u00a0 \u00a0 La Sala Sexta de Revisi\u00f3n de Tutelas de la Corte Constitucional, en ejercicio de sus competencias constitucionales y legales, ha proferido la siguiente \u00a0 SENTENCIA ...<br \/><div class=\"pt-cv-rmwrap\"><a href=\"https:\/\/www.dmsjuridica.com\/buscador_20179478954\/corteconstitucionalcronologico202454587\/t-1521-00\/\" class=\"_self pt-cv-readmore btn btn-success\" target=\"_self\">Ver Sentencia Completa...<\/a><\/div><\/div><\/div><\/div>\n<div class=\"col-md-12 col-sm-12 col-xs-12 pt-cv-content-item pt-cv-1-col\" ><div class='pt-cv-ifield'><a href=\"https:\/\/www.dmsjuridica.com\/buscador_20179478954\/corteconstitucionalcronologico202454587\/t-1520-00\/\" class=\"_self pt-cv-href-thumbnail pt-cv-thumb-default\" target=\"_self\" ><\/a>\n<div class=\"pt-cv-taxoterm above_title\"><a href='https:\/\/www.dmsjuridica.com\/buscador_20179478954\/corteconstitucionalcronologico202454587\/category\/buscar-en-toda-la-corte\/2000\/tutelas-2000\/' title='Tutelas 2000' class='pt-cv-tax-tutelas-2000'>Tutelas 2000<\/a><\/div>\n<h4 class=\"pt-cv-title\"><a href=\"https:\/\/www.dmsjuridica.com\/buscador_20179478954\/corteconstitucionalcronologico202454587\/t-1520-00\/\" class=\"_self\" target=\"_self\" >T-1520-00<\/a><\/h4>\n<div class=\"pt-cv-content\">\u00a0 \u00a0 Sentencia T-1520\/00 \u00a0 ACCION DE TUTELA-Hecho superado por pago de acreencias laborales \u00a0 Referencia: expedientes T-297774, T-297775, T-297776 \u00a0 Acciones de tutela instauradas por Mario Oswaldo Villegas Arango y otros contra Prosocial. \u00a0 Magistrado Ponente: \u00a0 Dr. ALEJANDRO MARTINEZ CABALLERO \u00a0 La Sala Sexta de Revisi\u00f3n de Tutelas de la Corte Constitucional, en ejercicio de sus competencias constitucionales y legales, ha proferido la siguiente \u00a0 SENTENCIA \u00a0 dentro del proceso de revisi\u00f3n de los fallos de diciembre 9 y 10 de 1999, proferidos por el Juzgado Segundo Civil Municipal de Fusagasug\u00e1, en el tr\u00e1mite de las acciones de ...<br \/><div class=\"pt-cv-rmwrap\"><a href=\"https:\/\/www.dmsjuridica.com\/buscador_20179478954\/corteconstitucionalcronologico202454587\/t-1520-00\/\" class=\"_self pt-cv-readmore btn btn-success\" target=\"_self\">Ver Sentencia Completa...<\/a><\/div><\/div><\/div><\/div>\n<div class=\"col-md-12 col-sm-12 col-xs-12 pt-cv-content-item pt-cv-1-col\" ><div class='pt-cv-ifield'><a href=\"https:\/\/www.dmsjuridica.com\/buscador_20179478954\/corteconstitucionalcronologico202454587\/t-152-00\/\" class=\"_self pt-cv-href-thumbnail pt-cv-thumb-default\" target=\"_self\" ><\/a>\n<div class=\"pt-cv-taxoterm above_title\"><a href='https:\/\/www.dmsjuridica.com\/buscador_20179478954\/corteconstitucionalcronologico202454587\/category\/buscar-en-toda-la-corte\/2000\/tutelas-2000\/' title='Tutelas 2000' class='pt-cv-tax-tutelas-2000'>Tutelas 2000<\/a><\/div>\n<h4 class=\"pt-cv-title\"><a href=\"https:\/\/www.dmsjuridica.com\/buscador_20179478954\/corteconstitucionalcronologico202454587\/t-152-00\/\" class=\"_self\" target=\"_self\" >T-152-00<\/a><\/h4>\n<div class=\"pt-cv-content\">\u00a0 \u00a0 Sentencia T-152\/00 \u00a0 DERECHO AL MINIMO VITAL DEL TRABAJADOR-Pago oportuno de salarios\/EMPLEADOR-Pago oportuno y completo de salarios \u00a0 EMPLEADOR-Situaci\u00f3n econ\u00f3mica o presupuestal no es \u00f3bice para desconocer obligaciones laborales \u00a0 ESTABLECIMIENTO HOSPITALARIO-Pago oportuno de salarios \u00a0 Referencia: expediente T-253769 \u00a0 Acci\u00f3n de tutela instaurada por Mar\u00eda Lucrecia Angulo Caicedo contra el Hospital San Juan de Dios de Cali. \u00a0 Magistrado Ponente: \u00a0 Dr. JOS\u00c9 GREGORIO HERN\u00c1NDEZ GALINDO \u00a0 Santa Fe de Bogot\u00e1 D.C., veintid\u00f3s (22) de febrero de dos mil (2000). \u00a0 La Sala Quinta de Revisi\u00f3n de la Corte Constitucional, en ejercicio de sus competencias constitucionales y ...<br \/><div class=\"pt-cv-rmwrap\"><a href=\"https:\/\/www.dmsjuridica.com\/buscador_20179478954\/corteconstitucionalcronologico202454587\/t-152-00\/\" class=\"_self pt-cv-readmore btn btn-success\" target=\"_self\">Ver Sentencia Completa...<\/a><\/div><\/div><\/div><\/div>\n<div class=\"col-md-12 col-sm-12 col-xs-12 pt-cv-content-item pt-cv-1-col\" ><div class='pt-cv-ifield'><a href=\"https:\/\/www.dmsjuridica.com\/buscador_20179478954\/corteconstitucionalcronologico202454587\/t-1519-00\/\" class=\"_self pt-cv-href-thumbnail pt-cv-thumb-default\" target=\"_self\" ><\/a>\n<div class=\"pt-cv-taxoterm above_title\"><a href='https:\/\/www.dmsjuridica.com\/buscador_20179478954\/corteconstitucionalcronologico202454587\/category\/buscar-en-toda-la-corte\/2000\/tutelas-2000\/' title='Tutelas 2000' class='pt-cv-tax-tutelas-2000'>Tutelas 2000<\/a><\/div>\n<h4 class=\"pt-cv-title\"><a href=\"https:\/\/www.dmsjuridica.com\/buscador_20179478954\/corteconstitucionalcronologico202454587\/t-1519-00\/\" class=\"_self\" target=\"_self\" >T-1519-00<\/a><\/h4>\n<div class=\"pt-cv-content\">\u00a0 \u00a0 Sentencia T-1519\/00 \u00a0 ACCION DE TUTELA-Hecho superado por pago de acreencias laborales \u00a0 Referencia: expedientes T-293125, T-293126, T-293127, T-293128, T-293129 \u00a0 Magistrado Ponente: \u00a0 \u00a0Dr. ALEJANDRO MARTINEZ CABALLERO \u00a0 Bogot\u00e1, D.C., a los diez (10) d\u00edas del mes de noviembre del a\u00f1o dos mil (2000). \u00a0\u00a0 \u00a0 La Sala Sexta de Revisi\u00f3n de Tutelas de la Corte Constitucional, en ejercicio de sus competencias constitucionales y legales, ha proferido la siguiente \u00a0 SENTENCIA \u00a0 dentro del proceso de revisi\u00f3n de los fallos de 17, 18 y 19 de enero de 2000, proferidos por el Tribunal Administrativo de Bol\u00edvar, en ...<br \/><div class=\"pt-cv-rmwrap\"><a href=\"https:\/\/www.dmsjuridica.com\/buscador_20179478954\/corteconstitucionalcronologico202454587\/t-1519-00\/\" class=\"_self pt-cv-readmore btn btn-success\" target=\"_self\">Ver Sentencia Completa...<\/a><\/div><\/div><\/div><\/div>\n<div class=\"col-md-12 col-sm-12 col-xs-12 pt-cv-content-item pt-cv-1-col\" ><div class='pt-cv-ifield'><a href=\"https:\/\/www.dmsjuridica.com\/buscador_20179478954\/corteconstitucionalcronologico202454587\/t-1518-00\/\" class=\"_self pt-cv-href-thumbnail pt-cv-thumb-default\" target=\"_self\" ><\/a>\n<div class=\"pt-cv-taxoterm above_title\"><a href='https:\/\/www.dmsjuridica.com\/buscador_20179478954\/corteconstitucionalcronologico202454587\/category\/buscar-en-toda-la-corte\/2000\/tutelas-2000\/' title='Tutelas 2000' class='pt-cv-tax-tutelas-2000'>Tutelas 2000<\/a><\/div>\n<h4 class=\"pt-cv-title\"><a href=\"https:\/\/www.dmsjuridica.com\/buscador_20179478954\/corteconstitucionalcronologico202454587\/t-1518-00\/\" class=\"_self\" target=\"_self\" >T-1518-00<\/a><\/h4>\n<div class=\"pt-cv-content\">\u00a0 \u00a0 Sentencia T-1518\/00 \u00a0 DERECHO A LA SALUD-Fundamental por conexidad con la vida \u00a0 DERECHO A LA SALUD DEL INTERNO-Atenci\u00f3n m\u00e9dica adecuada, digna y oportuna \u00a0 DERECHO A LA SALUD DEL INTERNO-Protecci\u00f3n aunque no se encuentre en circunstancias extremas \u00a0 DERECHO A LA SALUD DEL INTERNO-Pr\u00e1ctica de intervenci\u00f3n quir\u00fargica \u00a0 Referencia: expediente T-336543 \u00a0 Acci\u00f3n de tutela incoada por Gabriel Var\u00f3n Callejas y Pablo Cesar Garc\u00eda Li\u00e9vano contra el Director de la C\u00e1rcel Distrital de Ibagu\u00e9.\u00a0 \u00a0 Magistrado Ponente: \u00a0 Dr. Jos\u00e9 Gregorio Hern\u00e1ndez Galindo \u00a0 Bogot\u00e1, D.C., nueve (9) de noviembre de dos mil (2000). \u00a0 La Sala ...<br \/><div class=\"pt-cv-rmwrap\"><a href=\"https:\/\/www.dmsjuridica.com\/buscador_20179478954\/corteconstitucionalcronologico202454587\/t-1518-00\/\" class=\"_self pt-cv-readmore btn btn-success\" target=\"_self\">Ver Sentencia Completa...<\/a><\/div><\/div><\/div><\/div>\n<div class=\"col-md-12 col-sm-12 col-xs-12 pt-cv-content-item pt-cv-1-col\" ><div class='pt-cv-ifield'><a href=\"https:\/\/www.dmsjuridica.com\/buscador_20179478954\/corteconstitucionalcronologico202454587\/t-1517-00\/\" class=\"_self pt-cv-href-thumbnail pt-cv-thumb-default\" target=\"_self\" ><\/a>\n<div class=\"pt-cv-taxoterm above_title\"><a href='https:\/\/www.dmsjuridica.com\/buscador_20179478954\/corteconstitucionalcronologico202454587\/category\/buscar-en-toda-la-corte\/2000\/tutelas-2000\/' title='Tutelas 2000' class='pt-cv-tax-tutelas-2000'>Tutelas 2000<\/a><\/div>\n<h4 class=\"pt-cv-title\"><a href=\"https:\/\/www.dmsjuridica.com\/buscador_20179478954\/corteconstitucionalcronologico202454587\/t-1517-00\/\" class=\"_self\" target=\"_self\" >T-1517-00<\/a><\/h4>\n<div class=\"pt-cv-content\">\u00a0 \u00a0 Sentencia T-1517\/00 \u00a0 ACCION DE TUTELA-Hecho superado por pago de acreencias laborales \u00a0 Referencia: expedientes T-292037, T-292038, T-292160, T-294674, T-294749, T-294988, T-294989, T-294994, T-296091, T-299445, T-302916 \u00a0 Acciones de tutela instauradas por Victor Manuel Carrasquilla Altamira y otros contra la Gobernaci\u00f3n, la Asamblea de San Andr\u00e9s, Providencia y Santa Catalina y la Alcald\u00eda de Providencia. \u00a0 Magistrado Ponente: \u00a0 Dr. ALEJANDRO MARTINEZ CABALLERO \u00a0 Bogot\u00e1, D.C., a los ocho (8) d\u00edas del mes de noviembre del a\u00f1o dos mil (2000). \u00a0\u00a0 \u00a0 La Sala Sexta de Revisi\u00f3n de Tutelas de la Corte Constitucional, en ejercicio de sus competencias ...<br \/><div class=\"pt-cv-rmwrap\"><a href=\"https:\/\/www.dmsjuridica.com\/buscador_20179478954\/corteconstitucionalcronologico202454587\/t-1517-00\/\" class=\"_self pt-cv-readmore btn btn-success\" target=\"_self\">Ver Sentencia Completa...<\/a><\/div><\/div><\/div><\/div>\n<div class=\"col-md-12 col-sm-12 col-xs-12 pt-cv-content-item pt-cv-1-col\" ><div class='pt-cv-ifield'><a href=\"https:\/\/www.dmsjuridica.com\/buscador_20179478954\/corteconstitucionalcronologico202454587\/t-151-00\/\" class=\"_self pt-cv-href-thumbnail pt-cv-thumb-default\" target=\"_self\" ><\/a>\n<div class=\"pt-cv-taxoterm above_title\"><a href='https:\/\/www.dmsjuridica.com\/buscador_20179478954\/corteconstitucionalcronologico202454587\/category\/buscar-en-toda-la-corte\/2000\/tutelas-2000\/' title='Tutelas 2000' class='pt-cv-tax-tutelas-2000'>Tutelas 2000<\/a><\/div>\n<h4 class=\"pt-cv-title\"><a href=\"https:\/\/www.dmsjuridica.com\/buscador_20179478954\/corteconstitucionalcronologico202454587\/t-151-00\/\" class=\"_self\" target=\"_self\" >T-151-00<\/a><\/h4>\n<div class=\"pt-cv-content\">\u00a0 \u00a0 Sentencia T-151\/00 \u00a0 PARTE PASIVA EN TUTELA-Identificaci\u00f3n plena de persona jur\u00eddica, nexo de causalidad y sujeto agraviado \u00a0 ACTOS DE CARACTER GENERAL, IMPERSONAL Y ABSTRACTO-Err\u00f3nea interpretaci\u00f3n en omisi\u00f3n del empleador en pagar oportunamente mesadas pensionales \u00a0 ACCION DE TUTELA-Omisiones no pueden confundirse con la expedici\u00f3n de actos impersonales \u00a0 EMPLEADOR-Moderado atraso en pago de mesadas pensionales no es aceptable\/ESTADO-Garantiza pago oportuno de pensiones legales \u00a0 Esta Corporaci\u00f3n no puede aceptar el argumento de la Corte Suprema de Justicia sobre \"moderado atraso\" de la empresa en el pago de las mesadas pensionales, en primer lugar por cuanto la Constituci\u00f3n, ...<br \/><div class=\"pt-cv-rmwrap\"><a href=\"https:\/\/www.dmsjuridica.com\/buscador_20179478954\/corteconstitucionalcronologico202454587\/t-151-00\/\" class=\"_self pt-cv-readmore btn btn-success\" target=\"_self\">Ver Sentencia Completa...<\/a><\/div><\/div><\/div><\/div>\n<div class=\"col-md-12 col-sm-12 col-xs-12 pt-cv-content-item pt-cv-1-col\" ><div class='pt-cv-ifield'><a href=\"https:\/\/www.dmsjuridica.com\/buscador_20179478954\/corteconstitucionalcronologico202454587\/t-1503-00\/\" class=\"_self pt-cv-href-thumbnail pt-cv-thumb-default\" target=\"_self\" ><\/a>\n<div class=\"pt-cv-taxoterm above_title\"><a href='https:\/\/www.dmsjuridica.com\/buscador_20179478954\/corteconstitucionalcronologico202454587\/category\/buscar-en-toda-la-corte\/2000\/tutelas-2000\/' title='Tutelas 2000' class='pt-cv-tax-tutelas-2000'>Tutelas 2000<\/a><\/div>\n<h4 class=\"pt-cv-title\"><a href=\"https:\/\/www.dmsjuridica.com\/buscador_20179478954\/corteconstitucionalcronologico202454587\/t-1503-00\/\" class=\"_self\" target=\"_self\" >T-1503-00<\/a><\/h4>\n<div class=\"pt-cv-content\">\u00a0 \u00a0 Sentencia T-1503\/00 \u00a0 MEDIO DE DEFENSA JUDICIAL INEFICAZ-Reconocimiento oportuno de pensi\u00f3n por CAJANAL \u00a0 DERECHO DE PETICION-Respuesta de fondo y completa sobre reconocimiento de pensi\u00f3n de jubilaci\u00f3n \u00a0 DERECHO DE PETICION-Ning\u00fan funcionario es competente para restringir, suspender o suprimir el derecho \u00a0 CAJA DE PREVISION SOCIAL-Vulneraci\u00f3n de derechos fundamentales\/ENTIDAD ADMINISTRATIVA-No puede tomar represalias en contra de la persona que acudi\u00f3 a los estrados judiciales, a reclamar lo que tiene derecho \u00a0 La Caja Nacional de Previsi\u00f3n Social s\u00ed viol\u00f3 el derecho de petici\u00f3n del actor, y los derechos, conexos en este caso, a la seguridad social y a ...<br \/><div class=\"pt-cv-rmwrap\"><a href=\"https:\/\/www.dmsjuridica.com\/buscador_20179478954\/corteconstitucionalcronologico202454587\/t-1503-00\/\" class=\"_self pt-cv-readmore btn btn-success\" target=\"_self\">Ver Sentencia Completa...<\/a><\/div><\/div><\/div><\/div>\n<div class=\"col-md-12 col-sm-12 col-xs-12 pt-cv-content-item pt-cv-1-col\" ><div class='pt-cv-ifield'><a href=\"https:\/\/www.dmsjuridica.com\/buscador_20179478954\/corteconstitucionalcronologico202454587\/t-1502-00\/\" class=\"_self pt-cv-href-thumbnail pt-cv-thumb-default\" target=\"_self\" ><\/a>\n<div class=\"pt-cv-taxoterm above_title\"><a href='https:\/\/www.dmsjuridica.com\/buscador_20179478954\/corteconstitucionalcronologico202454587\/category\/buscar-en-toda-la-corte\/2000\/tutelas-2000\/' title='Tutelas 2000' class='pt-cv-tax-tutelas-2000'>Tutelas 2000<\/a><\/div>\n<h4 class=\"pt-cv-title\"><a href=\"https:\/\/www.dmsjuridica.com\/buscador_20179478954\/corteconstitucionalcronologico202454587\/t-1502-00\/\" class=\"_self\" target=\"_self\" >T-1502-00<\/a><\/h4>\n<div class=\"pt-cv-content\">\u00a0 \u00a0 Sentencia T-1502\/00 \u00a0 ACCION DE TUTELA-Hecho superado \u00a0 FAMILIA EN LA CONSTITUCION POLITICA VIGENTE\/IGUALDAD DE DERECHOS Y OBLIGACIONES ENTRE LOS HIJOS \u00a0 MATRIMONIO Y UNION MARITAL DE HECHO-Conformaci\u00f3n y efectos jur\u00eddicos diferentes\/MATRIMONIO Y UNION MARITAL DE HECHO-Protecci\u00f3n constitucional \u00a0 Desde m\u00faltiples perspectivas el matrimonio se distingue de la uni\u00f3n marital de hecho. La conformaci\u00f3n del matrimonio exige una serie de formalidades legales y da lugar, por mandato legal, a un cat\u00e1logo de derechos y obligaciones correlativos libremente aceptados por las partes contrayentes. Por su parte, la uni\u00f3n marital de hecho se configura por la uni\u00f3n de un hombre ...<br \/><div class=\"pt-cv-rmwrap\"><a href=\"https:\/\/www.dmsjuridica.com\/buscador_20179478954\/corteconstitucionalcronologico202454587\/t-1502-00\/\" class=\"_self pt-cv-readmore btn btn-success\" target=\"_self\">Ver Sentencia Completa...<\/a><\/div><\/div><\/div><\/div>\n<div class=\"col-md-12 col-sm-12 col-xs-12 pt-cv-content-item pt-cv-1-col\" ><div class='pt-cv-ifield'><a href=\"https:\/\/www.dmsjuridica.com\/buscador_20179478954\/corteconstitucionalcronologico202454587\/t-1501-00\/\" class=\"_self pt-cv-href-thumbnail pt-cv-thumb-default\" target=\"_self\" ><\/a>\n<div class=\"pt-cv-taxoterm above_title\"><a href='https:\/\/www.dmsjuridica.com\/buscador_20179478954\/corteconstitucionalcronologico202454587\/category\/buscar-en-toda-la-corte\/2000\/tutelas-2000\/' title='Tutelas 2000' class='pt-cv-tax-tutelas-2000'>Tutelas 2000<\/a><\/div>\n<h4 class=\"pt-cv-title\"><a href=\"https:\/\/www.dmsjuridica.com\/buscador_20179478954\/corteconstitucionalcronologico202454587\/t-1501-00\/\" class=\"_self\" target=\"_self\" >T-1501-00<\/a><\/h4>\n<div class=\"pt-cv-content\">\u00a0 \u00a0 Sentencia T-1501\/00 \u00a0 IGUALDAD REAL Y EFECTIVA-Protecci\u00f3n de persona disminuida sensorial \u00a0 PERSONA DISMINUIDA FISICAMENTE-Insuficiente protecci\u00f3n\/NOTIFICACION FALLO DE TUTELA A PERSONERO MUNICIPAL Y AL DEFENSOR DEL PUEBLO \u00a0 Referencia: expediente T-334357 \u00a0 Acci\u00f3n de tutela contra el alcalde del municipio de San Andr\u00e9s (Santander), por una presunta violaci\u00f3n de los derechos a la igualdad, de petici\u00f3n y al trabajo. \u00a0 Tema: \u00a0 Protecci\u00f3n especial para las personas disminuidas f\u00edsicas, ps\u00edquicas o sensoriales. \u00a0 Actora: Martha Reatiga Ortiz\u00a0 \u00a0 Magistrado Ponente:\u00a0 \u00a0 Dr. CARLOS GAVIRIA D\u00cdAZ \u00a0 Bogot\u00e1 D.C., dos (2) de noviembre del a\u00f1o dos mil (2000). \u00a0 ...<br \/><div class=\"pt-cv-rmwrap\"><a href=\"https:\/\/www.dmsjuridica.com\/buscador_20179478954\/corteconstitucionalcronologico202454587\/t-1501-00\/\" class=\"_self pt-cv-readmore btn btn-success\" target=\"_self\">Ver Sentencia Completa...<\/a><\/div><\/div><\/div><\/div>\n<div class=\"col-md-12 col-sm-12 col-xs-12 pt-cv-content-item pt-cv-1-col\" ><div class='pt-cv-ifield'><a href=\"https:\/\/www.dmsjuridica.com\/buscador_20179478954\/corteconstitucionalcronologico202454587\/t-1500-00\/\" class=\"_self pt-cv-href-thumbnail pt-cv-thumb-default\" target=\"_self\" ><\/a>\n<div class=\"pt-cv-taxoterm above_title\"><a href='https:\/\/www.dmsjuridica.com\/buscador_20179478954\/corteconstitucionalcronologico202454587\/category\/buscar-en-toda-la-corte\/2000\/tutelas-2000\/' title='Tutelas 2000' class='pt-cv-tax-tutelas-2000'>Tutelas 2000<\/a><\/div>\n<h4 class=\"pt-cv-title\"><a href=\"https:\/\/www.dmsjuridica.com\/buscador_20179478954\/corteconstitucionalcronologico202454587\/t-1500-00\/\" class=\"_self\" target=\"_self\" >T-1500-00<\/a><\/h4>\n<div class=\"pt-cv-content\">\u00a0 \u00a0 Sentencia T-1500\/00 \u00a0 ACCION DE TUTELA-Procedencia excepcional pago de mesadas pensionales \u00a0 DERECHO AL MINIMO VITAL DEL PENSIONADO-Pago oportuno de mesadas \u00a0 EMPLEADOR-Situaci\u00f3n econ\u00f3mica o presupuestal no es \u00f3bice para desconocer pago de mesadas pensionales \u00a0 Referencia: expedientes acumulados T-362021 y 362030 \u00a0 Magistrada Ponente (E):\u00a0 \u00a0 Dra. MARTHA VICTORIA S\u00c1CHICA M\u00c9NDEZ. \u00a0 Bogot\u00e1 D.C., noviembre dos (2) de dos mil (2000) \u00a0 La Sala Tercera de Revisi\u00f3n de la Corte Constitucional, integrada por los magistrados Martha V. S\u00e1chica M\u00e9ndez, Carlos Gaviria D\u00edaz y Jos\u00e9 Gregorio Hern\u00e1ndez Galindo, en ejercicio de sus competencias constitucionales y legales, ha proferido ...<br \/><div class=\"pt-cv-rmwrap\"><a href=\"https:\/\/www.dmsjuridica.com\/buscador_20179478954\/corteconstitucionalcronologico202454587\/t-1500-00\/\" class=\"_self pt-cv-readmore btn btn-success\" target=\"_self\">Ver Sentencia Completa...<\/a><\/div><\/div><\/div><\/div>\n<div class=\"col-md-12 col-sm-12 col-xs-12 pt-cv-content-item pt-cv-1-col\" ><div class='pt-cv-ifield'><a href=\"https:\/\/www.dmsjuridica.com\/buscador_20179478954\/corteconstitucionalcronologico202454587\/t-150-00\/\" class=\"_self pt-cv-href-thumbnail pt-cv-thumb-default\" target=\"_self\" ><\/a>\n<div class=\"pt-cv-taxoterm above_title\"><a href='https:\/\/www.dmsjuridica.com\/buscador_20179478954\/corteconstitucionalcronologico202454587\/category\/buscar-en-toda-la-corte\/2000\/tutelas-2000\/' title='Tutelas 2000' class='pt-cv-tax-tutelas-2000'>Tutelas 2000<\/a><\/div>\n<h4 class=\"pt-cv-title\"><a href=\"https:\/\/www.dmsjuridica.com\/buscador_20179478954\/corteconstitucionalcronologico202454587\/t-150-00\/\" class=\"_self\" target=\"_self\" >T-150-00<\/a><\/h4>\n<div class=\"pt-cv-content\">\u00a0 \u00a0 Sentencia T-150\/00 \u00a0 DERECHOS A LA SALUD Y VIDA-Inaplicaci\u00f3n de normas que contienen pretextos econ\u00f3micos para no suministrar tratamientos y medicamentos \u00a0 Cuando la vida y la salud de las personas se encuentren grave y directamente comprometidas, a causa de operaciones no realizadas, tratamientos inacabados, diagn\u00f3sticos dilatados, drogas no suministradas, etc., bajo pretextos puramente econ\u00f3micos, aun contemplados en normas legales o reglamentarias, que est\u00e1n supeditadas a la Constituci\u00f3n, cabe inaplicarlas en el caso concreto en cuanto obstaculicen la protecci\u00f3n solicitada. En su lugar, el juez debe amparar los derechos a la salud y a la vida teniendo en ...<br \/><div class=\"pt-cv-rmwrap\"><a href=\"https:\/\/www.dmsjuridica.com\/buscador_20179478954\/corteconstitucionalcronologico202454587\/t-150-00\/\" class=\"_self pt-cv-readmore btn btn-success\" target=\"_self\">Ver Sentencia Completa...<\/a><\/div><\/div><\/div><\/div>\n<div class=\"col-md-12 col-sm-12 col-xs-12 pt-cv-content-item pt-cv-1-col\" ><div class='pt-cv-ifield'><a href=\"https:\/\/www.dmsjuridica.com\/buscador_20179478954\/corteconstitucionalcronologico202454587\/t-1499-00\/\" class=\"_self pt-cv-href-thumbnail pt-cv-thumb-default\" target=\"_self\" ><\/a>\n<div class=\"pt-cv-taxoterm above_title\"><a href='https:\/\/www.dmsjuridica.com\/buscador_20179478954\/corteconstitucionalcronologico202454587\/category\/buscar-en-toda-la-corte\/2000\/tutelas-2000\/' title='Tutelas 2000' class='pt-cv-tax-tutelas-2000'>Tutelas 2000<\/a><\/div>\n<h4 class=\"pt-cv-title\"><a href=\"https:\/\/www.dmsjuridica.com\/buscador_20179478954\/corteconstitucionalcronologico202454587\/t-1499-00\/\" class=\"_self\" target=\"_self\" >T-1499-00<\/a><\/h4>\n<div class=\"pt-cv-content\">\u00a0 \u00a0 Sentencia T-1499\/00 \u00a0 ACCION DE TUTELA-Hecho superado\/DERECHO A LA SALUD DEL INTERNO-Pr\u00e1ctica de cirug\u00eda de colostom\u00eda \u00a0 ESTABLECIMIENTO CARCELARIO-Atenci\u00f3n m\u00e9dica adecuada, digna y oportuna de presos \u00a0 Referencia: expediente T-360587 \u00a0 Acci\u00f3n de tutela instaurada por Carlos Enrique Mosquera G\u00f3mez contra la Subdirectora de la Penitenciar\u00eda Nacional de Palmira. \u00a0 Magistrada Ponente (E):\u00a0 \u00a0 Dra. MARTHA VICTORIA \u00a0S\u00c1CHICA M\u00c9NDEZ \u00a0 Bogot\u00e1, D.C., noviembre dos (2) de dos mil (2000) \u00a0 La Sala Tercera de Revisi\u00f3n de la Corte Constitucional, integrada por los magistrados Martha Victoria S\u00e1chica M\u00e9ndez, Carlos Gaviria D\u00edaz y Jos\u00e9 Gregorio Hern\u00e1ndez Galindo, en ejercicio de ...<br \/><div class=\"pt-cv-rmwrap\"><a href=\"https:\/\/www.dmsjuridica.com\/buscador_20179478954\/corteconstitucionalcronologico202454587\/t-1499-00\/\" class=\"_self pt-cv-readmore btn btn-success\" target=\"_self\">Ver Sentencia Completa...<\/a><\/div><\/div><\/div><\/div>\n<div class=\"col-md-12 col-sm-12 col-xs-12 pt-cv-content-item pt-cv-1-col\" ><div class='pt-cv-ifield'><a href=\"https:\/\/www.dmsjuridica.com\/buscador_20179478954\/corteconstitucionalcronologico202454587\/t-1498-00\/\" class=\"_self pt-cv-href-thumbnail pt-cv-thumb-default\" target=\"_self\" ><\/a>\n<div class=\"pt-cv-taxoterm above_title\"><a href='https:\/\/www.dmsjuridica.com\/buscador_20179478954\/corteconstitucionalcronologico202454587\/category\/buscar-en-toda-la-corte\/2000\/tutelas-2000\/' title='Tutelas 2000' class='pt-cv-tax-tutelas-2000'>Tutelas 2000<\/a><\/div>\n<h4 class=\"pt-cv-title\"><a href=\"https:\/\/www.dmsjuridica.com\/buscador_20179478954\/corteconstitucionalcronologico202454587\/t-1498-00\/\" class=\"_self\" target=\"_self\" >T-1498-00<\/a><\/h4>\n<div class=\"pt-cv-content\">\u00a0 \u00a0 Sentencia T-1498\/00 \u00a0 EMPLEADOR-Discrecionalidad en ordenar traslado por necesidades del servicio\/FISCALIA GENERAL DE LA NACION-Discrecionalidad en ordenar traslado por necesidades del servicio \u00a0 El empleador, ya sea privado o p\u00fablico, tiene, en principio, la atribuci\u00f3n de ordenar el traslado de sus trabajadores cuando las necesidades del servicio as\u00ed lo requieran, siempre y cuando con ello no se desmejoren las condiciones del empleado. De igual manera, la Corte ha se\u00f1alado que en el sector p\u00fablico existen ciertas entidades que en raz\u00f3n de las funciones que les corresponde cumplir, necesitan una planta de personal global y flexible y, por lo ...<br \/><div class=\"pt-cv-rmwrap\"><a href=\"https:\/\/www.dmsjuridica.com\/buscador_20179478954\/corteconstitucionalcronologico202454587\/t-1498-00\/\" class=\"_self pt-cv-readmore btn btn-success\" target=\"_self\">Ver Sentencia Completa...<\/a><\/div><\/div><\/div><\/div>\n<div class=\"col-md-12 col-sm-12 col-xs-12 pt-cv-content-item pt-cv-1-col\" ><div class='pt-cv-ifield'><a href=\"https:\/\/www.dmsjuridica.com\/buscador_20179478954\/corteconstitucionalcronologico202454587\/t-1497-00\/\" class=\"_self pt-cv-href-thumbnail pt-cv-thumb-default\" target=\"_self\" ><\/a>\n<div class=\"pt-cv-taxoterm above_title\"><a href='https:\/\/www.dmsjuridica.com\/buscador_20179478954\/corteconstitucionalcronologico202454587\/category\/buscar-en-toda-la-corte\/2000\/tutelas-2000\/' title='Tutelas 2000' class='pt-cv-tax-tutelas-2000'>Tutelas 2000<\/a><\/div>\n<h4 class=\"pt-cv-title\"><a href=\"https:\/\/www.dmsjuridica.com\/buscador_20179478954\/corteconstitucionalcronologico202454587\/t-1497-00\/\" class=\"_self\" target=\"_self\" >T-1497-00<\/a><\/h4>\n<div class=\"pt-cv-content\">\u00a0 \u00a0 Sentencia T-1497\/00 \u00a0 ACCION DE TUTELA-Subsidiariedad \u00a0 ACCION DE TUTELA-Improcedencia contra actos de car\u00e1cter general, impersonal y abstracto \u00a0 ACCION DE TUTELA-Improcedencia pago de bonificaciones por compensaci\u00f3n \u00a0 Referencia: expediente T-333895 \u00a0 Acci\u00f3n de tutela instaurada por Braulio Triana Silva contra el Presidente de la Rep\u00fablica, El Ministro de Justicia y del Derecho, el Ministro de Hacienda y Cr\u00e9dito p\u00fablico y el Director del Departamento Administrativo de la Funci\u00f3n P\u00fablica. \u00a0 Magistrada Ponente (E):\u00a0 \u00a0 Dra. MARTHA VICTORIA S\u00c1CHICA M\u00c9NDEZ \u00a0 Bogot\u00e1, D.C., noviembre dos (2) de dos mil (2000) \u00a0 La Sala Tercera de Revisi\u00f3n de la ...<br \/><div class=\"pt-cv-rmwrap\"><a href=\"https:\/\/www.dmsjuridica.com\/buscador_20179478954\/corteconstitucionalcronologico202454587\/t-1497-00\/\" class=\"_self pt-cv-readmore btn btn-success\" target=\"_self\">Ver Sentencia Completa...<\/a><\/div><\/div><\/div><\/div>\n<div class=\"col-md-12 col-sm-12 col-xs-12 pt-cv-content-item pt-cv-1-col\" ><div class='pt-cv-ifield'><a href=\"https:\/\/www.dmsjuridica.com\/buscador_20179478954\/corteconstitucionalcronologico202454587\/t-1496-00\/\" class=\"_self pt-cv-href-thumbnail pt-cv-thumb-default\" target=\"_self\" ><\/a>\n<div class=\"pt-cv-taxoterm above_title\"><a href='https:\/\/www.dmsjuridica.com\/buscador_20179478954\/corteconstitucionalcronologico202454587\/category\/buscar-en-toda-la-corte\/2000\/tutelas-2000\/' title='Tutelas 2000' class='pt-cv-tax-tutelas-2000'>Tutelas 2000<\/a><\/div>\n<h4 class=\"pt-cv-title\"><a href=\"https:\/\/www.dmsjuridica.com\/buscador_20179478954\/corteconstitucionalcronologico202454587\/t-1496-00\/\" class=\"_self\" target=\"_self\" >T-1496-00<\/a><\/h4>\n<div class=\"pt-cv-content\">\u00a0 \u00a0 Sentencia T-1496\/00 \u00a0 ACCION DE TUTELA-Improcedencia general sobre controversias laborales\/ACCION DE TUTELA-Condiciones para procedencia excepcional sobre controversias laborales \u00a0 TRATAMIENTO DIFERENCIADO-Justificaci\u00f3n objetiva y razonable\/DERECHO A LA IGUALDAD-Trato diferenciado \u00a0 CONTRATO DE TRABAJO DE PERSONAL DOCENTE-Duraci\u00f3n \u00a0 CONTRATO DE TRABAJO DE PERSONAL DOCENTE-Vigencia producto de acuerdo entre las partes\/CONTRATOS ESPECIALES DE DOCENTES-Justificaci\u00f3n por determinado tiempo \u00a0 A juicio de la Corte, los contratos a t\u00e9rmino fijo y, en particular, los contratos especiales docentes ya sea por un t\u00e9rmino menor, igual o mayor al a\u00f1o escolar son v\u00e1lidos cuando son el producto de un acuerdo entre el empleador y el ...<br \/><div class=\"pt-cv-rmwrap\"><a href=\"https:\/\/www.dmsjuridica.com\/buscador_20179478954\/corteconstitucionalcronologico202454587\/t-1496-00\/\" class=\"_self pt-cv-readmore btn btn-success\" target=\"_self\">Ver Sentencia Completa...<\/a><\/div><\/div><\/div><\/div>\n<div class=\"col-md-12 col-sm-12 col-xs-12 pt-cv-content-item pt-cv-1-col\" ><div class='pt-cv-ifield'><a href=\"https:\/\/www.dmsjuridica.com\/buscador_20179478954\/corteconstitucionalcronologico202454587\/t-149-00\/\" class=\"_self pt-cv-href-thumbnail pt-cv-thumb-default\" target=\"_self\" ><\/a>\n<div class=\"pt-cv-taxoterm above_title\"><a href='https:\/\/www.dmsjuridica.com\/buscador_20179478954\/corteconstitucionalcronologico202454587\/category\/buscar-en-toda-la-corte\/2000\/tutelas-2000\/' title='Tutelas 2000' class='pt-cv-tax-tutelas-2000'>Tutelas 2000<\/a><\/div>\n<h4 class=\"pt-cv-title\"><a href=\"https:\/\/www.dmsjuridica.com\/buscador_20179478954\/corteconstitucionalcronologico202454587\/t-149-00\/\" class=\"_self\" target=\"_self\" >T-149-00<\/a><\/h4>\n<div class=\"pt-cv-content\">\u00a0 \u00a0 Sentencia T-149\/00 \u00a0 DERECHO AL PAGO OPORTUNO DE LA PENSION-Ingreso fundamental para la subsistencia del trabajador y la familia \u00a0 DERECHO AL MINIMO VITAL DEL PENSIONADO-Pago oportuno de mesadas \u00a0 DERECHO A LA SEGURIDAD SOCIAL DE PERSONA DE LA TERCERA EDAD-Pago oportuno de mesadas pensionales \u00a0 EMPLEADOR-Situaci\u00f3n econ\u00f3mica o presupuestal no es \u00f3bice para desconocer obligaciones laborales \u00a0 Referencia: expediente T-252216 \u00a0 Acci\u00f3n de tutela instaurada por Francisco Jos\u00e9 Ru\u00edz Restrepo contra Acer\u00edas Paz del R\u00edo S.A.\u00a0 \u00a0 Magistrado Ponente: \u00a0 Dr. JOS\u00c9 GREGORIO HERN\u00c1NDEZ GALINDO \u00a0 Santa Fe de Bogot\u00e1, D.C., veintid\u00f3s (22) de febrero de dos ...<br \/><div class=\"pt-cv-rmwrap\"><a href=\"https:\/\/www.dmsjuridica.com\/buscador_20179478954\/corteconstitucionalcronologico202454587\/t-149-00\/\" class=\"_self pt-cv-readmore btn btn-success\" target=\"_self\">Ver Sentencia Completa...<\/a><\/div><\/div><\/div><\/div>\n<div class=\"col-md-12 col-sm-12 col-xs-12 pt-cv-content-item pt-cv-1-col\" ><div class='pt-cv-ifield'><a href=\"https:\/\/www.dmsjuridica.com\/buscador_20179478954\/corteconstitucionalcronologico202454587\/t-1487-00\/\" class=\"_self pt-cv-href-thumbnail pt-cv-thumb-default\" target=\"_self\" ><\/a>\n<div class=\"pt-cv-taxoterm above_title\"><a href='https:\/\/www.dmsjuridica.com\/buscador_20179478954\/corteconstitucionalcronologico202454587\/category\/buscar-en-toda-la-corte\/2000\/tutelas-2000\/' title='Tutelas 2000' class='pt-cv-tax-tutelas-2000'>Tutelas 2000<\/a><\/div>\n<h4 class=\"pt-cv-title\"><a href=\"https:\/\/www.dmsjuridica.com\/buscador_20179478954\/corteconstitucionalcronologico202454587\/t-1487-00\/\" class=\"_self\" target=\"_self\" >T-1487-00<\/a><\/h4>\n<div class=\"pt-cv-content\">\u00a0 \u00a0 Sentencia T-1487\/00 \u00a0 SISTEMA DE SEGURIDAD SOCIAL EN SALUD-Recursos tienen car\u00e1cter fundamental \u00a0 ENTIDADES FINANCIERAS-No pueden incluir en sus balances dineros recaudados por concepto de seguridad social \u00a0 Referencia: expediente T-364.483 \u00a0 Acci\u00f3n de tutela instaurada por el Departamento de Cundinamarca -Fondo de Pensiones P\u00fablicas de Cundinamarca- contra Credisocial Caja Financiera Cooperativa. \u00a0 Magistrado Ponente: \u00a0 Dr. ALFREDO BELTR\u00c1N SIERRA. \u00a0 Bogot\u00e1, D.C., a \u00a0los dos (2) d\u00edas del mes de noviembre del a\u00f1o dos mil (2.000). \u00a0 La Sala Segunda de Revisi\u00f3n de la Corte Constitucional, en ejercicio de sus competencias constitucionales y legales, ha proferido la ...<br \/><div class=\"pt-cv-rmwrap\"><a href=\"https:\/\/www.dmsjuridica.com\/buscador_20179478954\/corteconstitucionalcronologico202454587\/t-1487-00\/\" class=\"_self pt-cv-readmore btn btn-success\" target=\"_self\">Ver Sentencia Completa...<\/a><\/div><\/div><\/div><\/div>\n<div class=\"col-md-12 col-sm-12 col-xs-12 pt-cv-content-item pt-cv-1-col\" ><div class='pt-cv-ifield'><a href=\"https:\/\/www.dmsjuridica.com\/buscador_20179478954\/corteconstitucionalcronologico202454587\/t-1486-00\/\" class=\"_self pt-cv-href-thumbnail pt-cv-thumb-default\" target=\"_self\" ><\/a>\n<div class=\"pt-cv-taxoterm above_title\"><a href='https:\/\/www.dmsjuridica.com\/buscador_20179478954\/corteconstitucionalcronologico202454587\/category\/buscar-en-toda-la-corte\/2000\/tutelas-2000\/' title='Tutelas 2000' class='pt-cv-tax-tutelas-2000'>Tutelas 2000<\/a><\/div>\n<h4 class=\"pt-cv-title\"><a href=\"https:\/\/www.dmsjuridica.com\/buscador_20179478954\/corteconstitucionalcronologico202454587\/t-1486-00\/\" class=\"_self\" target=\"_self\" >T-1486-00<\/a><\/h4>\n<div class=\"pt-cv-content\">\u00a0 \u00a0 Sentencia T-1486\/00 \u00a0 DERECHO A LA IGUALDAD-Alcance\/DERECHO A LA IGUALDAD-Supuestos de hecho iguales, deben recibir el mismo tratamiento jur\u00eddico \u00a0 MEDIO DE DEFENSA JUDICIAL-Incremento pensional \u00a0 Referencia: expediente T- 355.876 \u00a0 Acci\u00f3n de tutela de Stella G\u00f3mez Pardo y otras en contra del Departamento de Cundinamarca y el Fondo de Pensiones P\u00fablicas de Cundinamarca. \u00a0 Procedencia: Juzgado Dieciocho Penal del Circuito de Bogot\u00e1. \u00a0 Magistrado Ponente:\u00a0 \u00a0 Dr. ALFREDO BELTR\u00c1N SIERRA \u00a0 Sentencia aprobada en Bogot\u00e1 D.C., en sesi\u00f3n del dos (2) de noviembre del a\u00f1o dos mil (2000). \u00a0 La Sala Segunda de Revisi\u00f3n de la Corte ...<br \/><div class=\"pt-cv-rmwrap\"><a href=\"https:\/\/www.dmsjuridica.com\/buscador_20179478954\/corteconstitucionalcronologico202454587\/t-1486-00\/\" class=\"_self pt-cv-readmore btn btn-success\" target=\"_self\">Ver Sentencia Completa...<\/a><\/div><\/div><\/div><\/div>\n<div class=\"col-md-12 col-sm-12 col-xs-12 pt-cv-content-item pt-cv-1-col\" ><div class='pt-cv-ifield'><a href=\"https:\/\/www.dmsjuridica.com\/buscador_20179478954\/corteconstitucionalcronologico202454587\/t-1485-00\/\" class=\"_self pt-cv-href-thumbnail pt-cv-thumb-default\" target=\"_self\" ><\/a>\n<div class=\"pt-cv-taxoterm above_title\"><a href='https:\/\/www.dmsjuridica.com\/buscador_20179478954\/corteconstitucionalcronologico202454587\/category\/buscar-en-toda-la-corte\/2000\/tutelas-2000\/' title='Tutelas 2000' class='pt-cv-tax-tutelas-2000'>Tutelas 2000<\/a><\/div>\n<h4 class=\"pt-cv-title\"><a href=\"https:\/\/www.dmsjuridica.com\/buscador_20179478954\/corteconstitucionalcronologico202454587\/t-1485-00\/\" class=\"_self\" target=\"_self\" >T-1485-00<\/a><\/h4>\n<div class=\"pt-cv-content\">\u00a0 \u00a0 \u00a0 \u00a0 Sentencia T-1485\/00 \u00a0 FONDO DE SOLIDARIDAD Y GARANTIA-Recursos son limitados \u00a0 SISTEMA DE SEGURIDAD SOCIAL EN SALUD-L\u00edmites \u00a0 \u00a0 Reiteraci\u00f3n de Jurisprudencia \u00a0 Referencia: expediente T-334796 \u00a0 Acci\u00f3n de Tutela instaurada por Angelita Delgado Martinez contra CAJANAL E.P.S. \u00a0 Magistrado Ponente: \u00a0 Dr. FABIO MORON DIAZ\u00a0 \u00a0 Bogot\u00e1, D.C., octubre treinta (30) del a\u00f1o dos mil (2000). \u00a0 La Sala S\u00e9ptima de Revisi\u00f3n de Tutelas de la Corte Constitucional, integrada por los Magistrados CRISTINA PARDO SCHLESINGER (e), ALVARO TAFUR GALVIS y FABIO MORON DIAZ, en ejercicio de sus competencias constitucionales y legales, ha proferido la siguiente ...<br \/><div class=\"pt-cv-rmwrap\"><a href=\"https:\/\/www.dmsjuridica.com\/buscador_20179478954\/corteconstitucionalcronologico202454587\/t-1485-00\/\" class=\"_self pt-cv-readmore btn btn-success\" target=\"_self\">Ver Sentencia Completa...<\/a><\/div><\/div><\/div><\/div>\n<div class=\"col-md-12 col-sm-12 col-xs-12 pt-cv-content-item pt-cv-1-col\" ><div class='pt-cv-ifield'><a href=\"https:\/\/www.dmsjuridica.com\/buscador_20179478954\/corteconstitucionalcronologico202454587\/t-1484-00\/\" class=\"_self pt-cv-href-thumbnail pt-cv-thumb-default\" target=\"_self\" ><\/a>\n<div class=\"pt-cv-taxoterm above_title\"><a href='https:\/\/www.dmsjuridica.com\/buscador_20179478954\/corteconstitucionalcronologico202454587\/category\/buscar-en-toda-la-corte\/2000\/tutelas-2000\/' title='Tutelas 2000' class='pt-cv-tax-tutelas-2000'>Tutelas 2000<\/a><\/div>\n<h4 class=\"pt-cv-title\"><a href=\"https:\/\/www.dmsjuridica.com\/buscador_20179478954\/corteconstitucionalcronologico202454587\/t-1484-00\/\" class=\"_self\" target=\"_self\" >T-1484-00<\/a><\/h4>\n<div class=\"pt-cv-content\">\u00a0 \u00a0 Sentencia T-1484\/00 \u00a0 DERECHO A LA SALUD-Fundamental por conexidad con la vida \u00a0 DERECHO A LA VIDA-Suministro de medicamentos excluidos del POS \u00a0 DERECHO A LA SALUD Y A LA VIDA-Inexistencia de vulneraci\u00f3n al sustituir medicamentos por otros que est\u00e1n dentro del POS \u00a0 \u00a0Referencia: expediente T- 366477 \u00a0 Acci\u00f3n de tutela de Viviana Patricia Varilla Figueroa, en contra de la Caja Nacional de Previsi\u00f3n Social, seccional C\u00f3rdoba.\u00a0 \u00a0 Procedencia: Juzgado Primero Laboral del Circuito de Monter\u00eda. \u00a0 \u00a0 Magistrado Ponente:\u00a0 \u00a0 Dr. ALFREDO BELTR\u00c1N SIERRA. \u00a0 Sentencia aprobada en Bogot\u00e1 D.C., a los veintis\u00e9is (26) d\u00edas del ...<br \/><div class=\"pt-cv-rmwrap\"><a href=\"https:\/\/www.dmsjuridica.com\/buscador_20179478954\/corteconstitucionalcronologico202454587\/t-1484-00\/\" class=\"_self pt-cv-readmore btn btn-success\" target=\"_self\">Ver Sentencia Completa...<\/a><\/div><\/div><\/div><\/div>\n<div class=\"col-md-12 col-sm-12 col-xs-12 pt-cv-content-item pt-cv-1-col\" ><div class='pt-cv-ifield'><a href=\"https:\/\/www.dmsjuridica.com\/buscador_20179478954\/corteconstitucionalcronologico202454587\/t-1483-00\/\" class=\"_self pt-cv-href-thumbnail pt-cv-thumb-default\" target=\"_self\" ><\/a>\n<div class=\"pt-cv-taxoterm above_title\"><a href='https:\/\/www.dmsjuridica.com\/buscador_20179478954\/corteconstitucionalcronologico202454587\/category\/buscar-en-toda-la-corte\/2000\/tutelas-2000\/' title='Tutelas 2000' class='pt-cv-tax-tutelas-2000'>Tutelas 2000<\/a><\/div>\n<h4 class=\"pt-cv-title\"><a href=\"https:\/\/www.dmsjuridica.com\/buscador_20179478954\/corteconstitucionalcronologico202454587\/t-1483-00\/\" class=\"_self\" target=\"_self\" >T-1483-00<\/a><\/h4>\n<div class=\"pt-cv-content\">\u00a0 \u00a0 Sentencia T-1483\/00 \u00a0 VIA GUBERNATIVA-Recursos \u00a0 ACCION DE TUTELA-Subsidiariedad\/SUSPENSION PROVISIONAL DE ACTO ADMINISTRATIVO-Recursos por v\u00eda gubernativa \u00a0 Si la acci\u00f3n de tutela es de car\u00e1cter subsidiario y residual, habr\u00e1 que concluir que si el presuntamente afectado interpuso contra un acto administrativo los recursos de reposici\u00f3n y apelaci\u00f3n por la v\u00eda gubernativa, la regla general establecida por el art\u00edculo 55 del C.C.A., es la de la suspensi\u00f3n de los efectos del acto impugnado, mientras este pendiente la decisi\u00f3n sobre los recursos interpuestos, como ya se dijo; y, en tal virtud, en esa hip\u00f3tesis la acci\u00f3n de tutela carecer\u00eda de ...<br \/><div class=\"pt-cv-rmwrap\"><a href=\"https:\/\/www.dmsjuridica.com\/buscador_20179478954\/corteconstitucionalcronologico202454587\/t-1483-00\/\" class=\"_self pt-cv-readmore btn btn-success\" target=\"_self\">Ver Sentencia Completa...<\/a><\/div><\/div><\/div><\/div>\n<div class=\"col-md-12 col-sm-12 col-xs-12 pt-cv-content-item pt-cv-1-col\" ><div class='pt-cv-ifield'><a href=\"https:\/\/www.dmsjuridica.com\/buscador_20179478954\/corteconstitucionalcronologico202454587\/t-1482-00\/\" class=\"_self pt-cv-href-thumbnail pt-cv-thumb-default\" target=\"_self\" ><\/a>\n<div class=\"pt-cv-taxoterm above_title\"><a href='https:\/\/www.dmsjuridica.com\/buscador_20179478954\/corteconstitucionalcronologico202454587\/category\/buscar-en-toda-la-corte\/2000\/tutelas-2000\/' title='Tutelas 2000' class='pt-cv-tax-tutelas-2000'>Tutelas 2000<\/a><\/div>\n<h4 class=\"pt-cv-title\"><a href=\"https:\/\/www.dmsjuridica.com\/buscador_20179478954\/corteconstitucionalcronologico202454587\/t-1482-00\/\" class=\"_self\" target=\"_self\" >T-1482-00<\/a><\/h4>\n<div class=\"pt-cv-content\">\u00a0 \u00a0 Sentencia T-1482\/00 \u00a0 EDUCACION ESPECIAL-Integraci\u00f3n de menores con limitaciones en aulas normales con apoyo especializado\/DERECHO A LA EDUCACION-Inexistencia de vulneraci\u00f3n para el caso \u00a0 Referencia: expediente T-341.729 \u00a0 Acci\u00f3n de tutela instaurada por Francisco Fabi\u00e1n Durango y otros contra el Departamento de Antioquia, Secretar\u00eda de Educaci\u00f3n Departamental y el municipio de Medell\u00edn, Secretar\u00eda de Educaci\u00f3n Municipal. \u00a0 Magistrado Ponente: \u00a0 Dr. ALFREDO BELTR\u00c1N SIERRA. \u00a0 Bogot\u00e1, D.C., veintis\u00e9is (26) d\u00edas del mes de octubre del a\u00f1o dos mil (2.000). \u00a0 La Sala Segunda de Revisi\u00f3n de la Corte Constitucional, en ejercicio de sus competencias constitucionales y legales, ha ...<br \/><div class=\"pt-cv-rmwrap\"><a href=\"https:\/\/www.dmsjuridica.com\/buscador_20179478954\/corteconstitucionalcronologico202454587\/t-1482-00\/\" class=\"_self pt-cv-readmore btn btn-success\" target=\"_self\">Ver Sentencia Completa...<\/a><\/div><\/div><\/div><\/div>\n<div class=\"col-md-12 col-sm-12 col-xs-12 pt-cv-content-item pt-cv-1-col\" ><div class='pt-cv-ifield'><a href=\"https:\/\/www.dmsjuridica.com\/buscador_20179478954\/corteconstitucionalcronologico202454587\/t-1481-00\/\" class=\"_self pt-cv-href-thumbnail pt-cv-thumb-default\" target=\"_self\" ><\/a>\n<div class=\"pt-cv-taxoterm above_title\"><a href='https:\/\/www.dmsjuridica.com\/buscador_20179478954\/corteconstitucionalcronologico202454587\/category\/buscar-en-toda-la-corte\/2000\/tutelas-2000\/' title='Tutelas 2000' class='pt-cv-tax-tutelas-2000'>Tutelas 2000<\/a><\/div>\n<h4 class=\"pt-cv-title\"><a href=\"https:\/\/www.dmsjuridica.com\/buscador_20179478954\/corteconstitucionalcronologico202454587\/t-1481-00\/\" class=\"_self\" target=\"_self\" >T-1481-00<\/a><\/h4>\n<div class=\"pt-cv-content\">\u00a0 \u00a0 Sentencia T-1481\/00 \u00a0 DERECHO DE PETICION-Respuesta oportuna y de fondo \u00a0 DERECHO DE PETICION-Alcance\/DERECHO DE PETICION-T\u00e9rmino para resolver\u00a0 \u00a0 DERECHO DE PETICION-Omisi\u00f3n de respuesta oportuna por FAVIDI \u00a0 \u00a0 Reiteraci\u00f3n de Jurisprudencia \u00a0 Referencia: expediente T-335238 \u00a0 Acci\u00f3n de tutela instaurada por Educardo Meza Rojas contra el Fondo de Ahorro y Vivienda FAVIDI. \u00a0 Magistrado Ponente: \u00a0 Dr. FABIO MOR\u00d3N D\u00cdAZ \u00a0 Bogot\u00e1 D.C., a los treinta (30) d\u00edas del mes de octubre de dos mil (2000). \u00a0 La Sala S\u00e9ptima de Revisi\u00f3n de la Corte Constitucional, integrada por los Magistrados CRISTINA PARDO SCHLESINGER, ALVARO TAFUR GALVIS y ...<br \/><div class=\"pt-cv-rmwrap\"><a href=\"https:\/\/www.dmsjuridica.com\/buscador_20179478954\/corteconstitucionalcronologico202454587\/t-1481-00\/\" class=\"_self pt-cv-readmore btn btn-success\" target=\"_self\">Ver Sentencia Completa...<\/a><\/div><\/div><\/div><\/div>\n<div class=\"col-md-12 col-sm-12 col-xs-12 pt-cv-content-item pt-cv-1-col\" ><div class='pt-cv-ifield'><a href=\"https:\/\/www.dmsjuridica.com\/buscador_20179478954\/corteconstitucionalcronologico202454587\/t-1480-00\/\" class=\"_self pt-cv-href-thumbnail pt-cv-thumb-default\" target=\"_self\" ><\/a>\n<div class=\"pt-cv-taxoterm above_title\"><a href='https:\/\/www.dmsjuridica.com\/buscador_20179478954\/corteconstitucionalcronologico202454587\/category\/buscar-en-toda-la-corte\/2000\/tutelas-2000\/' title='Tutelas 2000' class='pt-cv-tax-tutelas-2000'>Tutelas 2000<\/a><\/div>\n<h4 class=\"pt-cv-title\"><a href=\"https:\/\/www.dmsjuridica.com\/buscador_20179478954\/corteconstitucionalcronologico202454587\/t-1480-00\/\" class=\"_self\" target=\"_self\" >T-1480-00<\/a><\/h4>\n<div class=\"pt-cv-content\">\u00a0 \u00a0 Sentencia T-1480 \u00a0 \u00a0 \u00a0 \u00a0\/00 \u00a0 DERECHO A LA SALUD DEL NI\u00d1O-Fundamental \u00a0 INTERES SUPERIOR DEL MENOR-Alcance \u00a0 DERECHO A LA SALUD DEL NI\u00d1O-Suministro de aparato ortop\u00e9dico \u00a0 Reiteraci\u00f3n de Jurisprudencia \u00a0 Referencia: expediente T-334201 \u00a0 Acci\u00f3n de tutela instaurada por Nestor Antonio D\u00edaz Tapias contra SaludCoop S.A. \u00a0 Magistrado Ponente:\u00a0 \u00a0 Dr. FABIO MORON DIAZ \u00a0 Bogot\u00e1, D.C., a los treinta (30) d\u00edas del mes de octubre de dos mil (2000). \u00a0 La Sala S\u00e9ptima de Revisi\u00f3n de la Corte Constitucional, en ejercicio de sus competencias constitucionales y legales, en particular las contenidas en los art\u00edculos ...<br \/><div class=\"pt-cv-rmwrap\"><a href=\"https:\/\/www.dmsjuridica.com\/buscador_20179478954\/corteconstitucionalcronologico202454587\/t-1480-00\/\" class=\"_self pt-cv-readmore btn btn-success\" target=\"_self\">Ver Sentencia Completa...<\/a><\/div><\/div><\/div><\/div>\n<div class=\"col-md-12 col-sm-12 col-xs-12 pt-cv-content-item pt-cv-1-col\" ><div class='pt-cv-ifield'><a href=\"https:\/\/www.dmsjuridica.com\/buscador_20179478954\/corteconstitucionalcronologico202454587\/t-148-00\/\" class=\"_self pt-cv-href-thumbnail pt-cv-thumb-default\" target=\"_self\" ><\/a>\n<div class=\"pt-cv-taxoterm above_title\"><a href='https:\/\/www.dmsjuridica.com\/buscador_20179478954\/corteconstitucionalcronologico202454587\/category\/buscar-en-toda-la-corte\/2000\/tutelas-2000\/' title='Tutelas 2000' class='pt-cv-tax-tutelas-2000'>Tutelas 2000<\/a><\/div>\n<h4 class=\"pt-cv-title\"><a href=\"https:\/\/www.dmsjuridica.com\/buscador_20179478954\/corteconstitucionalcronologico202454587\/t-148-00\/\" class=\"_self\" target=\"_self\" >T-148-00<\/a><\/h4>\n<div class=\"pt-cv-content\">\u00a0 \u00a0 Sentencia T-148\/00 \u00a0 ACCION DE TUTELA-Procedencia excepcional pago de acreencias laborales \u00a0 Referencia: expediente T-252215 \u00a0 Acci\u00f3n de tutela incoada por Pedro Antonio Franco Pe\u00f1a contra \"Industrias TYF S.A.\" \u00a0 Magistrado Ponente: \u00a0 Dr. JOSE GREGORIO HERNANDEZ GALINDO\u00a0 \u00a0 Aprobada en Santa Fe de Bogot\u00e1, D.C., veintid\u00f3s (22) de febrero de dos mil (2000). \u00a0 La Sala Quinta de Revisi\u00f3n de la Corte Constitucional, en ejercicio de sus competencias constitucionales y legales, espec\u00edficamente las previstas en los art\u00edculos 86 y 241, numeral 9, de la Constituci\u00f3n Pol\u00edtica y en el Decreto 2591 de 1991, ha proferido la siguiente ...<br \/><div class=\"pt-cv-rmwrap\"><a href=\"https:\/\/www.dmsjuridica.com\/buscador_20179478954\/corteconstitucionalcronologico202454587\/t-148-00\/\" class=\"_self pt-cv-readmore btn btn-success\" target=\"_self\">Ver Sentencia Completa...<\/a><\/div><\/div><\/div><\/div>\n<div class=\"col-md-12 col-sm-12 col-xs-12 pt-cv-content-item pt-cv-1-col\" ><div class='pt-cv-ifield'><a href=\"https:\/\/www.dmsjuridica.com\/buscador_20179478954\/corteconstitucionalcronologico202454587\/t-1479-00\/\" class=\"_self pt-cv-href-thumbnail pt-cv-thumb-default\" target=\"_self\" ><\/a>\n<div class=\"pt-cv-taxoterm above_title\"><a href='https:\/\/www.dmsjuridica.com\/buscador_20179478954\/corteconstitucionalcronologico202454587\/category\/buscar-en-toda-la-corte\/2000\/tutelas-2000\/' title='Tutelas 2000' class='pt-cv-tax-tutelas-2000'>Tutelas 2000<\/a><\/div>\n<h4 class=\"pt-cv-title\"><a href=\"https:\/\/www.dmsjuridica.com\/buscador_20179478954\/corteconstitucionalcronologico202454587\/t-1479-00\/\" class=\"_self\" target=\"_self\" >T-1479-00<\/a><\/h4>\n<div class=\"pt-cv-content\">\u00a0 \u00a0 Sentencia T-1479\/00 \u00a0 DERECHO DE PETICION-No constituye respuesta informaci\u00f3n suministrada al juez de tutela \u00a0 DERECHO DE PETICION-N\u00facleo esencial\/DERECHO DE PETICION-Respuesta oportuna y de fondo \u00a0 Referencia: expediente T-334107 \u00a0 Acci\u00f3n de tutela instaurada por H\u00e9ctor Emilio Castro Hern\u00e1ndez contra el Comandante de la Tercera Brigada del Ej\u00e9rcito Nacional. \u00a0 Magistrado Ponente: \u00a0 Dr. FABIO MORON DIAZ\u00a0 \u00a0 Bogot\u00e1, D.C., a los treinta (30) d\u00edas del mes de octubre del a\u00f1o dos mil (2000). \u00a0\u00a0 \u00a0 La Sala S\u00e9ptima de Revisi\u00f3n de Tutelas de la Corte Constitucional, integrada por los Magistrados CRISTINA PARDO SCHLESINGER, ALVARO TAFUR GALVIS y ...<br \/><div class=\"pt-cv-rmwrap\"><a href=\"https:\/\/www.dmsjuridica.com\/buscador_20179478954\/corteconstitucionalcronologico202454587\/t-1479-00\/\" class=\"_self pt-cv-readmore btn btn-success\" target=\"_self\">Ver Sentencia Completa...<\/a><\/div><\/div><\/div><\/div>\n<div class=\"col-md-12 col-sm-12 col-xs-12 pt-cv-content-item pt-cv-1-col\" ><div class='pt-cv-ifield'><a href=\"https:\/\/www.dmsjuridica.com\/buscador_20179478954\/corteconstitucionalcronologico202454587\/t-1478-00\/\" class=\"_self pt-cv-href-thumbnail pt-cv-thumb-default\" target=\"_self\" ><\/a>\n<div class=\"pt-cv-taxoterm above_title\"><a href='https:\/\/www.dmsjuridica.com\/buscador_20179478954\/corteconstitucionalcronologico202454587\/category\/buscar-en-toda-la-corte\/2000\/tutelas-2000\/' title='Tutelas 2000' class='pt-cv-tax-tutelas-2000'>Tutelas 2000<\/a><\/div>\n<h4 class=\"pt-cv-title\"><a href=\"https:\/\/www.dmsjuridica.com\/buscador_20179478954\/corteconstitucionalcronologico202454587\/t-1478-00\/\" class=\"_self\" target=\"_self\" >T-1478-00<\/a><\/h4>\n<div class=\"pt-cv-content\">\u00a0 \u00a0 Sentencia T-1478\/00 \u00a0 DERECHO DE PETICION-Aplicaci\u00f3n inmediata\/DERECHO DE PETICION-Respuesta oportuna y exacta \u00a0 DERECHO DE PETICION-Alcance \u00a0 DERECHO DE PETICION-T\u00e9rmino para resolver \u00a0 Reiteraci\u00f3n de jurisprudencia \u00a0 Acci\u00f3n de tutela interpuesta por Ruth Ermari Jaramillo Monsalve contra el Instituto de Seguros Sociales. \u00a0 Magistrado Ponente: \u00a0 Dr. FABIO MOR\u00d3N D\u00cdAZ \u00a0 Bogot\u00e1 D.C., a los treinta (30) d\u00edas del mes de octubre de dos mil (2000). \u00a0 La Sala S\u00e9ptima de Revisi\u00f3n de la Corte Constitucional, integrada por los Magistrados CRISTINA PARDO SCHLESINGER, ALVARO TAFUR GALVIS y FABIO MOR\u00d3N D\u00cdAZ, en ejercicio de sus competencias constitucionales y legales, ...<br \/><div class=\"pt-cv-rmwrap\"><a href=\"https:\/\/www.dmsjuridica.com\/buscador_20179478954\/corteconstitucionalcronologico202454587\/t-1478-00\/\" class=\"_self pt-cv-readmore btn btn-success\" target=\"_self\">Ver Sentencia Completa...<\/a><\/div><\/div><\/div><\/div>\n<div class=\"col-md-12 col-sm-12 col-xs-12 pt-cv-content-item pt-cv-1-col\" ><div class='pt-cv-ifield'><a href=\"https:\/\/www.dmsjuridica.com\/buscador_20179478954\/corteconstitucionalcronologico202454587\/t-1477-00\/\" class=\"_self pt-cv-href-thumbnail pt-cv-thumb-default\" target=\"_self\" ><\/a>\n<div class=\"pt-cv-taxoterm above_title\"><a href='https:\/\/www.dmsjuridica.com\/buscador_20179478954\/corteconstitucionalcronologico202454587\/category\/buscar-en-toda-la-corte\/2000\/tutelas-2000\/' title='Tutelas 2000' class='pt-cv-tax-tutelas-2000'>Tutelas 2000<\/a><\/div>\n<h4 class=\"pt-cv-title\"><a href=\"https:\/\/www.dmsjuridica.com\/buscador_20179478954\/corteconstitucionalcronologico202454587\/t-1477-00\/\" class=\"_self\" target=\"_self\" >T-1477-00<\/a><\/h4>\n<div class=\"pt-cv-content\">\u00a0 \u00a0 Sentencia T-1477\/00 \u00a0 LIBRE DESARROLLO DE LA PERSONALIDAD-Restricciones y limitaciones \u00a0 DERECHO AL LIBRE DESARROLLO DE LA PERSONALIDAD-Ambito intangible y condici\u00f3n social \u00a0 MEDIO DE DEFENSA JUDICIAL-Controversias surgidas en relaci\u00f3n con desafiliaci\u00f3n a la Caja de vivienda militar \u00a0 Reiteraci\u00f3n de jurisprudencia \u00a0 Referencia: expediente T-333438 \u00a0 Acci\u00f3n de tutela interpuesta por Diego Rafael Coley Nieto contra la Caja Promotora de Vivienda Militar \u00a0 Magistrado Ponente: \u00a0 Dr. FABIO MOR\u00d3N D\u00cdAZ \u00a0 Bogot\u00e1 D.C., a los treinta (30) d\u00edas del mes de octubre de dos mil (2000). \u00a0 La Sala S\u00e9ptima de Revisi\u00f3n de la Corte Constitucional, integrada ...<br \/><div class=\"pt-cv-rmwrap\"><a href=\"https:\/\/www.dmsjuridica.com\/buscador_20179478954\/corteconstitucionalcronologico202454587\/t-1477-00\/\" class=\"_self pt-cv-readmore btn btn-success\" target=\"_self\">Ver Sentencia Completa...<\/a><\/div><\/div><\/div><\/div>\n<div class=\"col-md-12 col-sm-12 col-xs-12 pt-cv-content-item pt-cv-1-col\" ><div class='pt-cv-ifield'><a href=\"https:\/\/www.dmsjuridica.com\/buscador_20179478954\/corteconstitucionalcronologico202454587\/t-1476-00\/\" class=\"_self pt-cv-href-thumbnail pt-cv-thumb-default\" target=\"_self\" ><\/a>\n<div class=\"pt-cv-taxoterm above_title\"><a href='https:\/\/www.dmsjuridica.com\/buscador_20179478954\/corteconstitucionalcronologico202454587\/category\/buscar-en-toda-la-corte\/2000\/tutelas-2000\/' title='Tutelas 2000' class='pt-cv-tax-tutelas-2000'>Tutelas 2000<\/a><\/div>\n<h4 class=\"pt-cv-title\"><a href=\"https:\/\/www.dmsjuridica.com\/buscador_20179478954\/corteconstitucionalcronologico202454587\/t-1476-00\/\" class=\"_self\" target=\"_self\" >T-1476-00<\/a><\/h4>\n<div class=\"pt-cv-content\">\u00a0 \u00a0 Sentencia T-1476\/00 \u00a0 SISTEMA DE SEGURIDAD SOCIAL EN SALUD-R\u00e9gimen contributivo y subsidiado \u00a0 ACCION DE TUTELA-Reclamaci\u00f3n transplante de ri\u00f1\u00f3n\/DERECHO A LA VIDA-Transplante de ri\u00f1\u00f3n \u00a0 ACCION DE TUTELA-Improcedencia para reclamo de indemnizaciones \u00a0 Referencia: expediente T-298.654 \u00a0 Acci\u00f3n de tutela instaurada por Sonia Esther Pinedo Arroyo contra el Seguro Social E.P.S., Seccional Bol\u00edvar. \u00a0 Magistrado Ponente: \u00a0 Dr. ALVARO TAFUR GALVIS. \u00a0 Bogot\u00e1, D.C., treinta y uno (31) de octubre de dos mil (2000).\u00a0 \u00a0 La Sala Novena de Revisi\u00f3n de la Corte Constitucional, integrada por los magistrados Antonio Barrera Carbonell, Alfredo Beltr\u00e1n Sierra y Alvaro Tafur Galvis, ...<br \/><div class=\"pt-cv-rmwrap\"><a href=\"https:\/\/www.dmsjuridica.com\/buscador_20179478954\/corteconstitucionalcronologico202454587\/t-1476-00\/\" class=\"_self pt-cv-readmore btn btn-success\" target=\"_self\">Ver Sentencia Completa...<\/a><\/div><\/div><\/div><\/div>\n<div class=\"col-md-12 col-sm-12 col-xs-12 pt-cv-content-item pt-cv-1-col\" ><div class='pt-cv-ifield'><a href=\"https:\/\/www.dmsjuridica.com\/buscador_20179478954\/corteconstitucionalcronologico202454587\/t-1474-00\/\" class=\"_self pt-cv-href-thumbnail pt-cv-thumb-default\" target=\"_self\" ><\/a>\n<div class=\"pt-cv-taxoterm above_title\"><a href='https:\/\/www.dmsjuridica.com\/buscador_20179478954\/corteconstitucionalcronologico202454587\/category\/buscar-en-toda-la-corte\/2000\/tutelas-2000\/' title='Tutelas 2000' class='pt-cv-tax-tutelas-2000'>Tutelas 2000<\/a><\/div>\n<h4 class=\"pt-cv-title\"><a href=\"https:\/\/www.dmsjuridica.com\/buscador_20179478954\/corteconstitucionalcronologico202454587\/t-1474-00\/\" class=\"_self\" target=\"_self\" >T-1474-00<\/a><\/h4>\n<div class=\"pt-cv-content\">\u00a0 \u00a0 Sentencia T-1474\/00 \u00a0 DERECHO A LA SALUD-Fundamental por conexidad con la vida \u00a0 DERECHO A LA SALUD-Protecci\u00f3n preventiva y no solo en casos de gravedad \u00a0 SISBEN-Objeto\/SISBEN-Acceso igualitario a los bienes y recursos p\u00fablicos \u00a0 SISBEN-Atenci\u00f3n de persona que sali\u00f3 gravemente enferma de la c\u00e1rcel \u00a0 Referencia: expediente T- 345281 \u00a0 \u00a0 \u00a0 Acci\u00f3n de tutela instaurada por Olga Luc\u00eda Manrique contra el INPEC \u00a0 Procedencia: Juzgado 10 Penal Municipal de Cali \u00a0 Magistrado Ponente: \u00a0 Dr. ALEJANDRO MARTINEZ CABALLERO \u00a0 Bogot\u00e1, D.C., treinta (30) de octubre de dos mil (2.000). \u00a0 La Sala Sexta de Revisi\u00f3n de ...<br \/><div class=\"pt-cv-rmwrap\"><a href=\"https:\/\/www.dmsjuridica.com\/buscador_20179478954\/corteconstitucionalcronologico202454587\/t-1474-00\/\" class=\"_self pt-cv-readmore btn btn-success\" target=\"_self\">Ver Sentencia Completa...<\/a><\/div><\/div><\/div><\/div>\n<div class=\"col-md-12 col-sm-12 col-xs-12 pt-cv-content-item pt-cv-1-col\" ><div class='pt-cv-ifield'><a href=\"https:\/\/www.dmsjuridica.com\/buscador_20179478954\/corteconstitucionalcronologico202454587\/t-1473-00\/\" class=\"_self pt-cv-href-thumbnail pt-cv-thumb-default\" target=\"_self\" ><\/a>\n<div class=\"pt-cv-taxoterm above_title\"><a href='https:\/\/www.dmsjuridica.com\/buscador_20179478954\/corteconstitucionalcronologico202454587\/category\/buscar-en-toda-la-corte\/2000\/tutelas-2000\/' title='Tutelas 2000' class='pt-cv-tax-tutelas-2000'>Tutelas 2000<\/a><\/div>\n<h4 class=\"pt-cv-title\"><a href=\"https:\/\/www.dmsjuridica.com\/buscador_20179478954\/corteconstitucionalcronologico202454587\/t-1473-00\/\" class=\"_self\" target=\"_self\" >T-1473-00<\/a><\/h4>\n<div class=\"pt-cv-content\">\u00a0 \u00a0 Sentencia T-1473\/00 \u00a0 DERECHO A LA ESTABILIDAD LABORAL REFORZADA DE MUJER EMBARAZADA-Protecci\u00f3n constitucional especial \u00a0 DESPIDO DE MUJER EMBARAZADA SIN AUTORIZACION PREVIA-Ineficacia \u00a0 DESPIDO DE MUJER EMBARAZADA SIN AUTORIZACION PREVIA-Reintegro al cargo y pago de prestaciones econ\u00f3micas \u00a0 Las trabajadoras que son despedidas durante el embarazo tienen derecho a la protecci\u00f3n constitucional, tanto para obtener el reintegro a su trabajo en las mismas o superiores condiciones, como para que se ordene el reconocimiento y pago de la prestaci\u00f3n econ\u00f3mica por maternidad, porque el fuero especial de maternidad y el derecho a la estabilidad reforzada de la mujer embarazada ...<br \/><div class=\"pt-cv-rmwrap\"><a href=\"https:\/\/www.dmsjuridica.com\/buscador_20179478954\/corteconstitucionalcronologico202454587\/t-1473-00\/\" class=\"_self pt-cv-readmore btn btn-success\" target=\"_self\">Ver Sentencia Completa...<\/a><\/div><\/div><\/div><\/div>\n<div class=\"col-md-12 col-sm-12 col-xs-12 pt-cv-content-item pt-cv-1-col\" ><div class='pt-cv-ifield'><a href=\"https:\/\/www.dmsjuridica.com\/buscador_20179478954\/corteconstitucionalcronologico202454587\/t-1472-00\/\" class=\"_self pt-cv-href-thumbnail pt-cv-thumb-default\" target=\"_self\" ><\/a>\n<div class=\"pt-cv-taxoterm above_title\"><a href='https:\/\/www.dmsjuridica.com\/buscador_20179478954\/corteconstitucionalcronologico202454587\/category\/buscar-en-toda-la-corte\/2000\/tutelas-2000\/' title='Tutelas 2000' class='pt-cv-tax-tutelas-2000'>Tutelas 2000<\/a><\/div>\n<h4 class=\"pt-cv-title\"><a href=\"https:\/\/www.dmsjuridica.com\/buscador_20179478954\/corteconstitucionalcronologico202454587\/t-1472-00\/\" class=\"_self\" target=\"_self\" >T-1472-00<\/a><\/h4>\n<div class=\"pt-cv-content\">\u00a0 \u00a0 Sentencia T-1472\/00 \u00a0 LICENCIA DE MATERNIDAD-Procedencia excepcional de tutela para el pago \u00a0 LICENCIA DE MATERNIDAD-Pago por allanamiento a la mora por EPS \u00a0 Referencia: expediente T-334034 \u00a0 Acci\u00f3n de tutela instaurada por Clara Piedad Ariza Quintero contra el Instituto de los Seguros Sociales, Seccional Bucaramanga. \u00a0 Magistrado Ponente\u00a0: \u00a0 Dr. FABIO MORON DIAZ. \u00a0 Bogot\u00e1, D.C., octubre treinta (30) del a\u00f1o dos mil (2000). \u00a0 La Sala S\u00e9ptima de Revisi\u00f3n de Tutelas de la Corte Constitucional, integrada por los Magistrados CRISTINA PARDO SCHLESINGER (e), ALVARO TAFUR GALVIS y FABIO MORON DIAZ, en ejercicio de sus competencias constitucionales ...<br \/><div class=\"pt-cv-rmwrap\"><a href=\"https:\/\/www.dmsjuridica.com\/buscador_20179478954\/corteconstitucionalcronologico202454587\/t-1472-00\/\" class=\"_self pt-cv-readmore btn btn-success\" target=\"_self\">Ver Sentencia Completa...<\/a><\/div><\/div><\/div><\/div>\n<div class=\"col-md-12 col-sm-12 col-xs-12 pt-cv-content-item pt-cv-1-col\" ><div class='pt-cv-ifield'><a href=\"https:\/\/www.dmsjuridica.com\/buscador_20179478954\/corteconstitucionalcronologico202454587\/t-1471-00\/\" class=\"_self pt-cv-href-thumbnail pt-cv-thumb-default\" target=\"_self\" ><\/a>\n<div class=\"pt-cv-taxoterm above_title\"><a href='https:\/\/www.dmsjuridica.com\/buscador_20179478954\/corteconstitucionalcronologico202454587\/category\/buscar-en-toda-la-corte\/2000\/tutelas-2000\/' title='Tutelas 2000' class='pt-cv-tax-tutelas-2000'>Tutelas 2000<\/a><\/div>\n<h4 class=\"pt-cv-title\"><a href=\"https:\/\/www.dmsjuridica.com\/buscador_20179478954\/corteconstitucionalcronologico202454587\/t-1471-00\/\" class=\"_self\" target=\"_self\" >T-1471-00<\/a><\/h4>\n<div class=\"pt-cv-content\">\u00a0 \u00a0 Sentencia T-1471\/00 \u00a0 ACCION DE TUTELA-Hecho superado por pago de acreencias laborales \u00a0 Referencia: expediente T-357738 \u00a0 Acci\u00f3n de tutela instaurada por MANUEL DE JESUS MEZA CARDENAS y Otros contra el Municipio de Corozal - Sucre. \u00a0 Magistrado Ponente: \u00a0 Dr. FABIO MORON DIAZ\u00a0 \u00a0 Bogot\u00e1, D.C., octubre treinta (30) del dos mil (2000) \u00a0 \u00a0 La Sala S\u00e9ptima de Revisi\u00f3n de Tutelas de la Corte Constitucional, integrada por los Magistrados CRISTINA PARDO SCHLESINGER (e), ALVARO TAFUR GALVIS y FABIO MORON DIAZ, en ejercicio de sus competencias constitucionales y legales, ha proferido la siguiente \u00a0 SENTENCIA \u00a0 I ...<br \/><div class=\"pt-cv-rmwrap\"><a href=\"https:\/\/www.dmsjuridica.com\/buscador_20179478954\/corteconstitucionalcronologico202454587\/t-1471-00\/\" class=\"_self pt-cv-readmore btn btn-success\" target=\"_self\">Ver Sentencia Completa...<\/a><\/div><\/div><\/div><\/div>\n<div class=\"col-md-12 col-sm-12 col-xs-12 pt-cv-content-item pt-cv-1-col\" ><div class='pt-cv-ifield'><a href=\"https:\/\/www.dmsjuridica.com\/buscador_20179478954\/corteconstitucionalcronologico202454587\/t-1470-00\/\" class=\"_self pt-cv-href-thumbnail pt-cv-thumb-default\" target=\"_self\" ><\/a>\n<div class=\"pt-cv-taxoterm above_title\"><a href='https:\/\/www.dmsjuridica.com\/buscador_20179478954\/corteconstitucionalcronologico202454587\/category\/buscar-en-toda-la-corte\/2000\/tutelas-2000\/' title='Tutelas 2000' class='pt-cv-tax-tutelas-2000'>Tutelas 2000<\/a><\/div>\n<h4 class=\"pt-cv-title\"><a href=\"https:\/\/www.dmsjuridica.com\/buscador_20179478954\/corteconstitucionalcronologico202454587\/t-1470-00\/\" class=\"_self\" target=\"_self\" >T-1470-00<\/a><\/h4>\n<div class=\"pt-cv-content\">\u00a0 \u00a0 Sentencia T-1470\/00 \u00a0 ACCION DE TUTELA-Hecho superado por pago de acreencias laborales \u00a0 Referencia: expediente T-357124 \u00a0 Acci\u00f3n de tutela instaurada por Jairo Leon Posada Mazo contra la Compa\u00f1\u00eda del Hotel Nutibara S.A. \u00a0 Magistrado Ponente: \u00a0 Dr. FABIO MORON DIAZ\u00a0 \u00a0 Bogot\u00e1, D.C., octubre treinta (30) del dos mil (2000) \u00a0 \u00a0 La Sala S\u00e9ptima de Revisi\u00f3n de Tutelas de la Corte Constitucional, integrada por los Magistrados CRISTINA PARDO SCHLESINGER (e), ALVARO TAFUR GALVIS y FABIO MORON DIAZ, en ejercicio de sus competencias constitucionales y legales, ha proferido la siguiente \u00a0 SENTENCIA \u00a0 en el proceso de ...<br \/><div class=\"pt-cv-rmwrap\"><a href=\"https:\/\/www.dmsjuridica.com\/buscador_20179478954\/corteconstitucionalcronologico202454587\/t-1470-00\/\" class=\"_self pt-cv-readmore btn btn-success\" target=\"_self\">Ver Sentencia Completa...<\/a><\/div><\/div><\/div><\/div>\n<div class=\"col-md-12 col-sm-12 col-xs-12 pt-cv-content-item pt-cv-1-col\" ><div class='pt-cv-ifield'><a href=\"https:\/\/www.dmsjuridica.com\/buscador_20179478954\/corteconstitucionalcronologico202454587\/t-147-00\/\" class=\"_self pt-cv-href-thumbnail pt-cv-thumb-default\" target=\"_self\" ><\/a>\n<div class=\"pt-cv-taxoterm above_title\"><a href='https:\/\/www.dmsjuridica.com\/buscador_20179478954\/corteconstitucionalcronologico202454587\/category\/buscar-en-toda-la-corte\/2000\/tutelas-2000\/' title='Tutelas 2000' class='pt-cv-tax-tutelas-2000'>Tutelas 2000<\/a><\/div>\n<h4 class=\"pt-cv-title\"><a href=\"https:\/\/www.dmsjuridica.com\/buscador_20179478954\/corteconstitucionalcronologico202454587\/t-147-00\/\" class=\"_self\" target=\"_self\" >T-147-00<\/a><\/h4>\n<div class=\"pt-cv-content\">\u00a0 \u00a0 Sentencia T-147\/00 \u00a0 DERECHO AL MINIMO VITAL DEL TRABAJADOR-Presunci\u00f3n de afectaci\u00f3n por ausencia prolongada en pago de salarios \u00a0 DERECHO AL PAGO OPORTUNO DEL SALARIO-Fundamental\/DERECHO AL PAGO OPORTUNO DEL SALARIO-Reconocimiento de totalidad de sumas adeudadas \u00a0 DERECHO AL MINIMO VITAL DEL TRABAJADOR-Pago oportuno de salarios \u00a0 Referencia: expediente T-252208 \u00a0 Acci\u00f3n de tutela instaurada por Arturo De Jesus Correa Rendon contra el Municipio de C\u00e1ceres Antioquia \u00a0 Magistrado Ponente: \u00a0 Dr. JOS\u00c9 GREGORIO HERN\u00c1NDEZ GALINDO \u00a0 Aprobada en Santa Fe de Bogot\u00e1, D.C., veintid\u00f3s (22) de febrero de dos mil (2000). \u00a0 La Sala Quinta de Revisi\u00f3n de ...<br \/><div class=\"pt-cv-rmwrap\"><a href=\"https:\/\/www.dmsjuridica.com\/buscador_20179478954\/corteconstitucionalcronologico202454587\/t-147-00\/\" class=\"_self pt-cv-readmore btn btn-success\" target=\"_self\">Ver Sentencia Completa...<\/a><\/div><\/div><\/div><\/div>\n<div class=\"col-md-12 col-sm-12 col-xs-12 pt-cv-content-item pt-cv-1-col\" ><div class='pt-cv-ifield'><a href=\"https:\/\/www.dmsjuridica.com\/buscador_20179478954\/corteconstitucionalcronologico202454587\/t-1469-00\/\" class=\"_self pt-cv-href-thumbnail pt-cv-thumb-default\" target=\"_self\" ><\/a>\n<div class=\"pt-cv-taxoterm above_title\"><a href='https:\/\/www.dmsjuridica.com\/buscador_20179478954\/corteconstitucionalcronologico202454587\/category\/buscar-en-toda-la-corte\/2000\/tutelas-2000\/' title='Tutelas 2000' class='pt-cv-tax-tutelas-2000'>Tutelas 2000<\/a><\/div>\n<h4 class=\"pt-cv-title\"><a href=\"https:\/\/www.dmsjuridica.com\/buscador_20179478954\/corteconstitucionalcronologico202454587\/t-1469-00\/\" class=\"_self\" target=\"_self\" >T-1469-00<\/a><\/h4>\n<div class=\"pt-cv-content\">\u00a0 \u00a0 Sentencia T-1469\/00 \u00a0 DERECHO AL PAGO OPORTUNO DEL SALARIO-Fundamental \u00a0 DERECHO AL MINIMO VITAL DEL TRABAJADOR-Pago oportuno de salarios \u00a0 EMPLEADOR-Falta de presupuesto o insolvencia para pago oportuno de salarios no es raz\u00f3n suficiente \u00a0 - Reiteraci\u00f3n de Jurisprudencia - \u00a0 Referencia: expediente T-355097 \u00a0 Magistrado Ponente: \u00a0 Dr. FABIO MORON DIAZ\u00a0 \u00a0 Bogot\u00e1, D.C., treinta (30) de octubre del dos mil (2000). \u00a0 \u00a0 \u00a0 La Sala S\u00e9ptima de Revisi\u00f3n de Tutelas de la Corte Constitucional, integrada por los Magistrados CRISTINA PARDO SCHLESINGER (e), ALVARO TAFUR GALVIS y FABIO MORON DIAZ, en ejercicio de sus competencias constitucionales ...<br \/><div class=\"pt-cv-rmwrap\"><a href=\"https:\/\/www.dmsjuridica.com\/buscador_20179478954\/corteconstitucionalcronologico202454587\/t-1469-00\/\" class=\"_self pt-cv-readmore btn btn-success\" target=\"_self\">Ver Sentencia Completa...<\/a><\/div><\/div><\/div><\/div>\n<div class=\"col-md-12 col-sm-12 col-xs-12 pt-cv-content-item pt-cv-1-col\" ><div class='pt-cv-ifield'><a href=\"https:\/\/www.dmsjuridica.com\/buscador_20179478954\/corteconstitucionalcronologico202454587\/t-1468-00\/\" class=\"_self pt-cv-href-thumbnail pt-cv-thumb-default\" target=\"_self\" ><\/a>\n<div class=\"pt-cv-taxoterm above_title\"><a href='https:\/\/www.dmsjuridica.com\/buscador_20179478954\/corteconstitucionalcronologico202454587\/category\/buscar-en-toda-la-corte\/2000\/tutelas-2000\/' title='Tutelas 2000' class='pt-cv-tax-tutelas-2000'>Tutelas 2000<\/a><\/div>\n<h4 class=\"pt-cv-title\"><a href=\"https:\/\/www.dmsjuridica.com\/buscador_20179478954\/corteconstitucionalcronologico202454587\/t-1468-00\/\" class=\"_self\" target=\"_self\" >T-1468-00<\/a><\/h4>\n<div class=\"pt-cv-content\">\u00a0 \u00a0 Sentencia T-1468\/00 \u00a0 DERECHO A LA EDUCACION-Retenci\u00f3n certificado de estudios por no pago de pensi\u00f3n \u00a0 Referencia: expediente T-347856 \u00a0 Acci\u00f3n de Tutela instaurada por NIRZA EDITH VARGAS RAMIREZ contra el COLEGIO GIMNASIO ARTISTICO Y \u00a0SU RECTORA DORIS BUCHUCUE PENAGOS. \u00a0 Magistrado Ponente: \u00a0 Dr. FABIO MORON DIAZ\u00a0 \u00a0 Bogot\u00e1, D.C., octubre treinta (30) del a\u00f1o dos mil (2000) \u00a0\u00a0 \u00a0 La Sala S\u00e9ptima de Revisi\u00f3n de Tutelas de la Corte Constitucional, integrada por los Magistrados ALVARO TAFUR GALVIS, CRISTINA PARDO SCHLESINGER (e) y FABIO MORON DIAZ, en ejercicio de sus competencias constitucionales y legales, ha proferido la ...<br \/><div class=\"pt-cv-rmwrap\"><a href=\"https:\/\/www.dmsjuridica.com\/buscador_20179478954\/corteconstitucionalcronologico202454587\/t-1468-00\/\" class=\"_self pt-cv-readmore btn btn-success\" target=\"_self\">Ver Sentencia Completa...<\/a><\/div><\/div><\/div><\/div>\n<div class=\"col-md-12 col-sm-12 col-xs-12 pt-cv-content-item pt-cv-1-col\" ><div class='pt-cv-ifield'><a href=\"https:\/\/www.dmsjuridica.com\/buscador_20179478954\/corteconstitucionalcronologico202454587\/t-1467-00\/\" class=\"_self pt-cv-href-thumbnail pt-cv-thumb-default\" target=\"_self\" ><\/a>\n<div class=\"pt-cv-taxoterm above_title\"><a href='https:\/\/www.dmsjuridica.com\/buscador_20179478954\/corteconstitucionalcronologico202454587\/category\/buscar-en-toda-la-corte\/2000\/tutelas-2000\/' title='Tutelas 2000' class='pt-cv-tax-tutelas-2000'>Tutelas 2000<\/a><\/div>\n<h4 class=\"pt-cv-title\"><a href=\"https:\/\/www.dmsjuridica.com\/buscador_20179478954\/corteconstitucionalcronologico202454587\/t-1467-00\/\" class=\"_self\" target=\"_self\" >T-1467-00<\/a><\/h4>\n<div class=\"pt-cv-content\">\u00a0 \u00a0 Sentencia T-1467\/00 \u00a0 PLANTEL EDUCATIVO-Pagos\/DERECHO A LA EDUCACION-Retenci\u00f3n certificado de estudios por no pago de pensi\u00f3n \u00a0 MEDIO DE DEFENSA JUDICIAL-Definici\u00f3n de controversias sobre obligaciones futuras a\u00fan no causadas en colegios \u00a0 Referencia: expediente T-345789 \u00a0 Acci\u00f3n de Tutela instaurada por Martha Lucia Reina De Ramirez contra el COLEGIO NUEVO RETIRO Y \u00a0SU RECTORA Y REPRESENTANTE LEGAL PILAR SANTAMARIA DE REYES. \u00a0 Magistrado Ponente: \u00a0 Dr. FABIO MORON DIAZ\u00a0 \u00a0 Bogot\u00e1, D.C., octubre treinta (30) del a\u00f1o dos mil (2000) \u00a0\u00a0 \u00a0 La Sala S\u00e9ptima de Revisi\u00f3n de Tutelas de la Corte Constitucional, integrada por los Magistrados ALVARO ...<br \/><div class=\"pt-cv-rmwrap\"><a href=\"https:\/\/www.dmsjuridica.com\/buscador_20179478954\/corteconstitucionalcronologico202454587\/t-1467-00\/\" class=\"_self pt-cv-readmore btn btn-success\" target=\"_self\">Ver Sentencia Completa...<\/a><\/div><\/div><\/div><\/div>\n<div class=\"col-md-12 col-sm-12 col-xs-12 pt-cv-content-item pt-cv-1-col\" ><div class='pt-cv-ifield'><a href=\"https:\/\/www.dmsjuridica.com\/buscador_20179478954\/corteconstitucionalcronologico202454587\/t-1466-00\/\" class=\"_self pt-cv-href-thumbnail pt-cv-thumb-default\" target=\"_self\" ><\/a>\n<div class=\"pt-cv-taxoterm above_title\"><a href='https:\/\/www.dmsjuridica.com\/buscador_20179478954\/corteconstitucionalcronologico202454587\/category\/buscar-en-toda-la-corte\/2000\/tutelas-2000\/' title='Tutelas 2000' class='pt-cv-tax-tutelas-2000'>Tutelas 2000<\/a><\/div>\n<h4 class=\"pt-cv-title\"><a href=\"https:\/\/www.dmsjuridica.com\/buscador_20179478954\/corteconstitucionalcronologico202454587\/t-1466-00\/\" class=\"_self\" target=\"_self\" >T-1466-00<\/a><\/h4>\n<div class=\"pt-cv-content\">\u00a0 \u00a0 Sentencia T-1466\/00 \u00a0 PLAN OBLIGATORIO DE SALUD-Par\u00e1metros legales para otorgamiento excepcional de beneficios excluidos en Colombia y el exterior \u00a0 DERECHO A LA VIDA DEL NI\u00d1O-Pr\u00e1ctica de ex\u00e1menes excluidos del POS \u00a0 Referencia: expediente T-334103 \u00a0 Acci\u00f3n de tutela interpuesta por Dilvis Redondo Freyle contra el Instituto de los Seguros Sociales, Seccional Riohacha. \u00a0 Magistrado Ponente: \u00a0 Dr. FABIO MORON DIAZ. \u00a0 Bogot\u00e1, D.C., octubre treinta (30) del dos mil (2000). \u00a0 La Sala S\u00e9ptima de Revisi\u00f3n de Tutelas de la Corte Constitucional, integrada por los Magistrados CRISTINA PARDO SCHLESINGER (e), ALVARO TAFUR GALVIS y FABIO MORON DIAZ, ...<br \/><div class=\"pt-cv-rmwrap\"><a href=\"https:\/\/www.dmsjuridica.com\/buscador_20179478954\/corteconstitucionalcronologico202454587\/t-1466-00\/\" class=\"_self pt-cv-readmore btn btn-success\" target=\"_self\">Ver Sentencia Completa...<\/a><\/div><\/div><\/div><\/div>\n<div class=\"col-md-12 col-sm-12 col-xs-12 pt-cv-content-item pt-cv-1-col\" ><div class='pt-cv-ifield'><a href=\"https:\/\/www.dmsjuridica.com\/buscador_20179478954\/corteconstitucionalcronologico202454587\/t-1465-00\/\" class=\"_self pt-cv-href-thumbnail pt-cv-thumb-default\" target=\"_self\" ><\/a>\n<div class=\"pt-cv-taxoterm above_title\"><a href='https:\/\/www.dmsjuridica.com\/buscador_20179478954\/corteconstitucionalcronologico202454587\/category\/buscar-en-toda-la-corte\/2000\/tutelas-2000\/' title='Tutelas 2000' class='pt-cv-tax-tutelas-2000'>Tutelas 2000<\/a><\/div>\n<h4 class=\"pt-cv-title\"><a href=\"https:\/\/www.dmsjuridica.com\/buscador_20179478954\/corteconstitucionalcronologico202454587\/t-1465-00\/\" class=\"_self\" target=\"_self\" >T-1465-00<\/a><\/h4>\n<div class=\"pt-cv-content\">\u00a0 \u00a0 Sentencia T-1465\/00 \u00a0 DESPIDO DE MUJER EMBARAZADA SIN AUTORIZACION PREVIA-Ineficacia \u00a0 ACCION DE TUTELA TRANSITORIA DEL DERECHO A LA ESTABILIDAD LABORAL REFORZADA DE MUJER EMBARAZADA-Elementos f\u00e1cticos que deben demostrarse \u00a0 MUJER EMBARAZADA EN CONTRATO A TERMINO FIJO-Protecci\u00f3n \u00a0 ACCION DE TUTELA-Improcedencia para el caso\/MEDIO DE DEFENSA JUDICIAL-Terminaci\u00f3n de orden de prestaci\u00f3n de servicios \u00a0 Referencia: expediente T-335590 \u00a0 Acci\u00f3n de tutela instaurada por RUTH MARLENY SUAREZ MALAVER contra el Municipio de Duitama y el Colegio T\u00e9cnico Municipal Sim\u00f3n Bol\u00edvar. \u00a0 Magistrado Ponente: \u00a0 Bogot\u00e1, D.C., octubre treinta (30) del dos mil (2000) \u00a0\u00a0 \u00a0 \u00a0 \u00a0 La Sala ...<br \/><div class=\"pt-cv-rmwrap\"><a href=\"https:\/\/www.dmsjuridica.com\/buscador_20179478954\/corteconstitucionalcronologico202454587\/t-1465-00\/\" class=\"_self pt-cv-readmore btn btn-success\" target=\"_self\">Ver Sentencia Completa...<\/a><\/div><\/div><\/div><\/div>\n<div class=\"col-md-12 col-sm-12 col-xs-12 pt-cv-content-item pt-cv-1-col\" ><div class='pt-cv-ifield'><a href=\"https:\/\/www.dmsjuridica.com\/buscador_20179478954\/corteconstitucionalcronologico202454587\/t-1464-00\/\" class=\"_self pt-cv-href-thumbnail pt-cv-thumb-default\" target=\"_self\" ><\/a>\n<div class=\"pt-cv-taxoterm above_title\"><a href='https:\/\/www.dmsjuridica.com\/buscador_20179478954\/corteconstitucionalcronologico202454587\/category\/buscar-en-toda-la-corte\/2000\/tutelas-2000\/' title='Tutelas 2000' class='pt-cv-tax-tutelas-2000'>Tutelas 2000<\/a><\/div>\n<h4 class=\"pt-cv-title\"><a href=\"https:\/\/www.dmsjuridica.com\/buscador_20179478954\/corteconstitucionalcronologico202454587\/t-1464-00\/\" class=\"_self\" target=\"_self\" >T-1464-00<\/a><\/h4>\n<div class=\"pt-cv-content\">\u00a0 \u00a0 Sentencia T-1464\/00 \u00a0 LICENCIA DE MATERNIDAD-Procedencia excepcional de tutela para el pago\/LICENCIA DE MATERNIDAD-Pago oportuno \u00a0 PRINCIPIO DE FAVORABILIDAD NORMATIVA EN MATERIA DE LICENCIA DE MATERNIDAD-Pago \u00a0 Referencia: expediente T-335310 \u00a0 Acci\u00f3n de tutela interpuesta por Maribel Gaviria Rodriguez contra el Instituto de los Seguros Sociales, Seccional Neiva, Huila. \u00a0 Magistrado Ponente: \u00a0 Dr. FABIO MORON DIAZ. \u00a0 Bogot\u00e1, D.C., octubre treinta (30) del dos mil (2.000). \u00a0 La Sala S\u00e9ptima de Revisi\u00f3n de Tutelas de la Corte Constitucional, integrada por los Magistrados CRISTINA PARDO SCHLESINGER (e), ALVARO TAFUR GALVIS y FABIO MORON DIAZ, en ejercicio de sus ...<br \/><div class=\"pt-cv-rmwrap\"><a href=\"https:\/\/www.dmsjuridica.com\/buscador_20179478954\/corteconstitucionalcronologico202454587\/t-1464-00\/\" class=\"_self pt-cv-readmore btn btn-success\" target=\"_self\">Ver Sentencia Completa...<\/a><\/div><\/div><\/div><\/div>\n<div class=\"col-md-12 col-sm-12 col-xs-12 pt-cv-content-item pt-cv-1-col\" ><div class='pt-cv-ifield'><a href=\"https:\/\/www.dmsjuridica.com\/buscador_20179478954\/corteconstitucionalcronologico202454587\/t-1463-00\/\" class=\"_self pt-cv-href-thumbnail pt-cv-thumb-default\" target=\"_self\" ><\/a>\n<div class=\"pt-cv-taxoterm above_title\"><a href='https:\/\/www.dmsjuridica.com\/buscador_20179478954\/corteconstitucionalcronologico202454587\/category\/buscar-en-toda-la-corte\/2000\/tutelas-2000\/' title='Tutelas 2000' class='pt-cv-tax-tutelas-2000'>Tutelas 2000<\/a><\/div>\n<h4 class=\"pt-cv-title\"><a href=\"https:\/\/www.dmsjuridica.com\/buscador_20179478954\/corteconstitucionalcronologico202454587\/t-1463-00\/\" class=\"_self\" target=\"_self\" >T-1463-00<\/a><\/h4>\n<div class=\"pt-cv-content\">LICENCIA DE MATERNIDAD-Objeto \u00a0 EXCEPCION DE CONTRATO NO CUMPLIDO-No pago oportuno de aportes\/ALLANAMIENTO A LA MORA-Recibo de aportes debidos en salud\/ENTIDAD PROMOTORA DE SALUD-Atenci\u00f3n por recibo de aportes debidos \u00a0 Reiteraci\u00f3n de Jurisprudencia \u00a0 Referencia: expediente T-334732 \u00a0 Acci\u00f3n de Tutela instaurada por Heidis Esther Cantillo Villa contra Salud Total E.P.S. \u00a0 Licencia de maternidad \u00a0 La licencia involucra la protecci\u00f3n de derechos fundamentales \u00a0 El allanamiento a la mora por la EPS le hace responsable de su pago \u00a0 Magistrado Ponente: \u00a0 Dr. FABIO MORON DIAZ\u00a0 \u00a0 Bogot\u00e1, D.C., octubre treinta (30) del a\u00f1o dos mil (2000). \u00a0 La ...<br \/><div class=\"pt-cv-rmwrap\"><a href=\"https:\/\/www.dmsjuridica.com\/buscador_20179478954\/corteconstitucionalcronologico202454587\/t-1463-00\/\" class=\"_self pt-cv-readmore btn btn-success\" target=\"_self\">Ver Sentencia Completa...<\/a><\/div><\/div><\/div><\/div>\n<div class=\"col-md-12 col-sm-12 col-xs-12 pt-cv-content-item pt-cv-1-col\" ><div class='pt-cv-ifield'><a href=\"https:\/\/www.dmsjuridica.com\/buscador_20179478954\/corteconstitucionalcronologico202454587\/t-1462-00\/\" class=\"_self pt-cv-href-thumbnail pt-cv-thumb-default\" target=\"_self\" ><\/a>\n<div class=\"pt-cv-taxoterm above_title\"><a href='https:\/\/www.dmsjuridica.com\/buscador_20179478954\/corteconstitucionalcronologico202454587\/category\/buscar-en-toda-la-corte\/2000\/tutelas-2000\/' title='Tutelas 2000' class='pt-cv-tax-tutelas-2000'>Tutelas 2000<\/a><\/div>\n<h4 class=\"pt-cv-title\"><a href=\"https:\/\/www.dmsjuridica.com\/buscador_20179478954\/corteconstitucionalcronologico202454587\/t-1462-00\/\" class=\"_self\" target=\"_self\" >T-1462-00<\/a><\/h4>\n<div class=\"pt-cv-content\">\u00a0 \u00a0 Sentencia T-1462\/00 \u00a0 DERECHO A LA SALUD DEL NI\u00d1O-Fundamental\/PREVALENCIA DE DERECHOS DEL NI\u00d1O \u00a0 DERECHO A LA SALUD DEL NI\u00d1O-Suministro de zapatos ortodop\u00e9dicos \u00a0 Referencia: expediente T-334296 \u00a0 Acci\u00f3n de tutela instaurada por Luz Elena Arredondo Loaiza contra el Instituto de los Seguros Sociales, Seccional Medell\u00edn. \u00a0 Magistrado Ponente: \u00a0 Dr. FABIO MORON DIAZ\u00a0 \u00a0 Bogot\u00e1, D.C., \u00a0octubre treinta (30) del dos mil (2000) \u00a0\u00a0 \u00a0 La Sala S\u00e9ptima de Revisi\u00f3n de Tutelas de la Corte Constitucional, integrada por los Magistrados CRISTINA PARDO SCHLESINGER (e), ALVARO TAFUR GALVIS y FABIO MORON DIAZ, en ejercicio de sus competencias constitucionales ...<br \/><div class=\"pt-cv-rmwrap\"><a href=\"https:\/\/www.dmsjuridica.com\/buscador_20179478954\/corteconstitucionalcronologico202454587\/t-1462-00\/\" class=\"_self pt-cv-readmore btn btn-success\" target=\"_self\">Ver Sentencia Completa...<\/a><\/div><\/div><\/div><\/div>\n<div class=\"col-md-12 col-sm-12 col-xs-12 pt-cv-content-item pt-cv-1-col\" ><div class='pt-cv-ifield'><a href=\"https:\/\/www.dmsjuridica.com\/buscador_20179478954\/corteconstitucionalcronologico202454587\/t-1461-00\/\" class=\"_self pt-cv-href-thumbnail pt-cv-thumb-default\" target=\"_self\" ><\/a>\n<div class=\"pt-cv-taxoterm above_title\"><a href='https:\/\/www.dmsjuridica.com\/buscador_20179478954\/corteconstitucionalcronologico202454587\/category\/buscar-en-toda-la-corte\/2000\/tutelas-2000\/' title='Tutelas 2000' class='pt-cv-tax-tutelas-2000'>Tutelas 2000<\/a><\/div>\n<h4 class=\"pt-cv-title\"><a href=\"https:\/\/www.dmsjuridica.com\/buscador_20179478954\/corteconstitucionalcronologico202454587\/t-1461-00\/\" class=\"_self\" target=\"_self\" >T-1461-00<\/a><\/h4>\n<div class=\"pt-cv-content\">\u00a0 \u00a0 Sentencia T-1461\/00 \u00a0 DERECHO AL PAGO OPORTUNO DEL SALARIO-Fundamental \u00a0 ACCION DE TUTELA-Procedencia excepcional pago de salarios a persona desvinculada por afectaci\u00f3n del m\u00ednimo vital o tratarse de persona de la tercera edad \u00a0 Referencia: expedientes T-334155, T-334156, T-334158, T-334159 (acumulados). \u00a0 Acci\u00f3n de tutela impetrada por Fernando Randon Hooker Carr, Morzela Elvia Britton Henry, Orlando Romel Robinson Bryan, Gregory Eaks Robinson Robinson contra la Alcaldia Municipal De \u00a0Providencia Isla. \u00a0 Magistrado Ponente:\u00a0 \u00a0 Dr. FABIO MORON DIAZ. \u00a0 Sentencia aprobada en Bogot\u00e1 D.C. a los treinta (30) d\u00edas del mes de octubre de dos mil (2000). \u00a0 ...<br \/><div class=\"pt-cv-rmwrap\"><a href=\"https:\/\/www.dmsjuridica.com\/buscador_20179478954\/corteconstitucionalcronologico202454587\/t-1461-00\/\" class=\"_self pt-cv-readmore btn btn-success\" target=\"_self\">Ver Sentencia Completa...<\/a><\/div><\/div><\/div><\/div>\n<div class=\"col-md-12 col-sm-12 col-xs-12 pt-cv-content-item pt-cv-1-col\" ><div class='pt-cv-ifield'><a href=\"https:\/\/www.dmsjuridica.com\/buscador_20179478954\/corteconstitucionalcronologico202454587\/t-146-00\/\" class=\"_self pt-cv-href-thumbnail pt-cv-thumb-default\" target=\"_self\" ><\/a>\n<div class=\"pt-cv-taxoterm above_title\"><a href='https:\/\/www.dmsjuridica.com\/buscador_20179478954\/corteconstitucionalcronologico202454587\/category\/buscar-en-toda-la-corte\/2000\/tutelas-2000\/' title='Tutelas 2000' class='pt-cv-tax-tutelas-2000'>Tutelas 2000<\/a><\/div>\n<h4 class=\"pt-cv-title\"><a href=\"https:\/\/www.dmsjuridica.com\/buscador_20179478954\/corteconstitucionalcronologico202454587\/t-146-00\/\" class=\"_self\" target=\"_self\" >T-146-00<\/a><\/h4>\n<div class=\"pt-cv-content\">\u00a0 \u00a0 Sentencia T-146\/00 \u00a0 ACCION DE TUTELA CONTRA PARTICULARES-Procedencia excepcional \u00a0 SUBORDINACION LABORAL-Pago oportuno de salarios \u00a0 CONCORDATO PREVENTIVO OBLIGATORIO-Pago preferente de salarios \u00a0 PROCESO CONCORDATARIO-No imposibilita presentaci\u00f3n de tutela por no pago oportuno de salarios \u00a0 Paralelamente, la existencia de esas normas que protejan de manera particular los cr\u00e9ditos laborales, no imposibilita a los trabajadores para que acudan a la acci\u00f3n de tutela. El proceso concordatario no surge como un mecanismo adecuado de defensa judicial del trabajador de manera inmediata, y adem\u00e1s no tiene por objeto la restauraci\u00f3n de derechos b\u00e1sicos sino la regulaci\u00f3n de relaciones econ\u00f3micas entre ...<br \/><div class=\"pt-cv-rmwrap\"><a href=\"https:\/\/www.dmsjuridica.com\/buscador_20179478954\/corteconstitucionalcronologico202454587\/t-146-00\/\" class=\"_self pt-cv-readmore btn btn-success\" target=\"_self\">Ver Sentencia Completa...<\/a><\/div><\/div><\/div><\/div>\n<div class=\"col-md-12 col-sm-12 col-xs-12 pt-cv-content-item pt-cv-1-col\" ><div class='pt-cv-ifield'><a href=\"https:\/\/www.dmsjuridica.com\/buscador_20179478954\/corteconstitucionalcronologico202454587\/t-1459-00\/\" class=\"_self pt-cv-href-thumbnail pt-cv-thumb-default\" target=\"_self\" ><\/a>\n<div class=\"pt-cv-taxoterm above_title\"><a href='https:\/\/www.dmsjuridica.com\/buscador_20179478954\/corteconstitucionalcronologico202454587\/category\/buscar-en-toda-la-corte\/2000\/tutelas-2000\/' title='Tutelas 2000' class='pt-cv-tax-tutelas-2000'>Tutelas 2000<\/a><\/div>\n<h4 class=\"pt-cv-title\"><a href=\"https:\/\/www.dmsjuridica.com\/buscador_20179478954\/corteconstitucionalcronologico202454587\/t-1459-00\/\" class=\"_self\" target=\"_self\" >T-1459-00<\/a><\/h4>\n<div class=\"pt-cv-content\">\u00a0 \u00a0 Sentencia T-1459\/00 \u00a0 PRINCIPIO DE FAVORABILIDAD NORMATIVA EN MATERIA DE LICENCIA DE MATERNIDAD-Pago \u00a0 Referencia: expediente T-325391 \u00a0 Acci\u00f3n de tutela interpuesta por JOHANA MILENA GUERRA MANRIQUE contra el Instituto de los Seguros Sociales, Seccional Santander. \u00a0 Magistrado Ponente\u00a0: \u00a0 Dr. FABIO MORON DIAZ. \u00a0 Bogot\u00e1, D.C., octubre treinta (30) del dos mil (2000). \u00a0 La Sala S\u00e9ptima de Revisi\u00f3n de Tutelas de la Corte Constitucional, integrada por los Magistrados CRISTINA PARDO SCHLESINGER (e), ALVARO TAFUR GALVIS y FABIO MORON DIAZ, en ejercicio de sus competencias constitucionales y legales, ha proferido la siguiente \u00a0 SENTENCIA \u00a0 En el ...<br \/><div class=\"pt-cv-rmwrap\"><a href=\"https:\/\/www.dmsjuridica.com\/buscador_20179478954\/corteconstitucionalcronologico202454587\/t-1459-00\/\" class=\"_self pt-cv-readmore btn btn-success\" target=\"_self\">Ver Sentencia Completa...<\/a><\/div><\/div><\/div><\/div>\n<div class=\"col-md-12 col-sm-12 col-xs-12 pt-cv-content-item pt-cv-1-col\" ><div class='pt-cv-ifield'><a href=\"https:\/\/www.dmsjuridica.com\/buscador_20179478954\/corteconstitucionalcronologico202454587\/t-1458-00\/\" class=\"_self pt-cv-href-thumbnail pt-cv-thumb-default\" target=\"_self\" ><\/a>\n<div class=\"pt-cv-taxoterm above_title\"><a href='https:\/\/www.dmsjuridica.com\/buscador_20179478954\/corteconstitucionalcronologico202454587\/category\/buscar-en-toda-la-corte\/2000\/tutelas-2000\/' title='Tutelas 2000' class='pt-cv-tax-tutelas-2000'>Tutelas 2000<\/a><\/div>\n<h4 class=\"pt-cv-title\"><a href=\"https:\/\/www.dmsjuridica.com\/buscador_20179478954\/corteconstitucionalcronologico202454587\/t-1458-00\/\" class=\"_self\" target=\"_self\" >T-1458-00<\/a><\/h4>\n<div class=\"pt-cv-content\">\u00a0 \u00a0 Sentencia T-1458\/00 \u00a0 INAPLICACION DE NORMAS DEL PLAN OBLIGATORIO DE SALUD-Casos en que procede por exclusi\u00f3n de tratamientos y medicamentos de alto costo \u00a0 INAPLICACION DE NORMAS DEL PLAN OBLIGATORIO DE SALUD-Suministro de aud\u00edfonos por EPS \u00a0 Referencia: expediente T-323173 \u00a0 Acci\u00f3n de tutela instaurada por JUAN CARLOS PINEDA MANJARRES Y OTRO contra CAJANAL EPS, Seccional Ibagu\u00e9. \u00a0 Magistrado Ponente: \u00a0 Dr. FABIO MORON DIAZ\u00a0 \u00a0 Bogot\u00e1, D.C., \u00a0octubre treinta (30) del dos mil (2000) \u00a0\u00a0 \u00a0 \u00a0 \u00a0 La Sala S\u00e9ptima de Revisi\u00f3n de Tutelas de la Corte Constitucional, integrada por los Magistrados CRISTINA PARDO SCHLESINGER (e), ...<br \/><div class=\"pt-cv-rmwrap\"><a href=\"https:\/\/www.dmsjuridica.com\/buscador_20179478954\/corteconstitucionalcronologico202454587\/t-1458-00\/\" class=\"_self pt-cv-readmore btn btn-success\" target=\"_self\">Ver Sentencia Completa...<\/a><\/div><\/div><\/div><\/div>\n<div class=\"col-md-12 col-sm-12 col-xs-12 pt-cv-content-item pt-cv-1-col\" ><div class='pt-cv-ifield'><a href=\"https:\/\/www.dmsjuridica.com\/buscador_20179478954\/corteconstitucionalcronologico202454587\/t-1457-00\/\" class=\"_self pt-cv-href-thumbnail pt-cv-thumb-default\" target=\"_self\" ><\/a>\n<div class=\"pt-cv-taxoterm above_title\"><a href='https:\/\/www.dmsjuridica.com\/buscador_20179478954\/corteconstitucionalcronologico202454587\/category\/buscar-en-toda-la-corte\/2000\/tutelas-2000\/' title='Tutelas 2000' class='pt-cv-tax-tutelas-2000'>Tutelas 2000<\/a><\/div>\n<h4 class=\"pt-cv-title\"><a href=\"https:\/\/www.dmsjuridica.com\/buscador_20179478954\/corteconstitucionalcronologico202454587\/t-1457-00\/\" class=\"_self\" target=\"_self\" >T-1457-00<\/a><\/h4>\n<div class=\"pt-cv-content\">\u00a0 \u00a0 Sentencia T-1457\/00 \u00a0 ENFERMEDADES CATASTROFICAS O RUINOSAS-Suministro de tratamientos por EPS sin cumplir periodo m\u00ednimo de cotizaci\u00f3n \u00a0 ENFERMEDADES CATASTROFICAS O RUINOSAS-Tratamiento de quimioterapia por EPS \u00a0 Referencia: expediente T-322915 \u00a0 Acci\u00f3n de tutela interpuesta por Mar\u00eda Del Pilar De Narv\u00e1ez de Torres contra el Instituto de los Seguros Sociales, Seccional Bogot\u00e1. \u00a0 Magistrado Ponente: \u00a0 Dr. FABIO MORON DIAZ. \u00a0 Bogot\u00e1, D.C., octubre treinta (30) del 2000 \u00a0 La Sala S\u00e9ptima de Revisi\u00f3n de Tutelas de la Corte Constitucional, integrada por los Magistrados CRISTINA PARDO SCHLESINGER (e), ALVARO TAFUR GALVIS y FABIO MORON DIAZ, en ejercicio de ...<br \/><div class=\"pt-cv-rmwrap\"><a href=\"https:\/\/www.dmsjuridica.com\/buscador_20179478954\/corteconstitucionalcronologico202454587\/t-1457-00\/\" class=\"_self pt-cv-readmore btn btn-success\" target=\"_self\">Ver Sentencia Completa...<\/a><\/div><\/div><\/div><\/div>\n<div class=\"col-md-12 col-sm-12 col-xs-12 pt-cv-content-item pt-cv-1-col\" ><div class='pt-cv-ifield'><a href=\"https:\/\/www.dmsjuridica.com\/buscador_20179478954\/corteconstitucionalcronologico202454587\/t-1456-00\/\" class=\"_self pt-cv-href-thumbnail pt-cv-thumb-default\" target=\"_self\" ><\/a>\n<div class=\"pt-cv-taxoterm above_title\"><a href='https:\/\/www.dmsjuridica.com\/buscador_20179478954\/corteconstitucionalcronologico202454587\/category\/buscar-en-toda-la-corte\/2000\/tutelas-2000\/' title='Tutelas 2000' class='pt-cv-tax-tutelas-2000'>Tutelas 2000<\/a><\/div>\n<h4 class=\"pt-cv-title\"><a href=\"https:\/\/www.dmsjuridica.com\/buscador_20179478954\/corteconstitucionalcronologico202454587\/t-1456-00\/\" class=\"_self\" target=\"_self\" >T-1456-00<\/a><\/h4>\n<div class=\"pt-cv-content\">\u00a0 \u00a0 Sentencia T-1456\/00 \u00a0 MUJER TRABAJADORA EMBARAZADA-Protecci\u00f3n constitucional especial \u00a0 DESPIDO DE MUJER EMBARAZADA SIN AUTORIZACION PREVIA-Ineficacia \u00a0 ESTABILIDAD LABORAL REFORZADA DE MUJER EMBARAZADA-Elementos f\u00e1cticos que deben demostrarse\/MUJER EMBARAZADA EN CONTRATO A TERMINO FIJO-Protecci\u00f3n \u00a0 MUJER TRABAJADORA EMBARAZADA-Presentaci\u00f3n del hecho notorio \u00a0 Referencia: expediente T-321493 \u00a0 Acci\u00f3n de tutela instaurada por MARTHA ESPERANZA FUENTES contra Colombiana de Incubaci\u00f3n S.A. INCUBACOL S.A. \u00a0 Magistrado Ponente: \u00a0 Dr. FABIO MORON DIAZ\u00a0 \u00a0 Bogot\u00e1, D.C., \u00a0octubre treinta (30) del dos mil (2000) \u00a0 \u00a0 \u00a0 La Sala S\u00e9ptima de Revisi\u00f3n de Tutelas de la Corte Constitucional, integrada por los Magistrados CRISTINA PARDO ...<br \/><div class=\"pt-cv-rmwrap\"><a href=\"https:\/\/www.dmsjuridica.com\/buscador_20179478954\/corteconstitucionalcronologico202454587\/t-1456-00\/\" class=\"_self pt-cv-readmore btn btn-success\" target=\"_self\">Ver Sentencia Completa...<\/a><\/div><\/div><\/div><\/div>\n<div class=\"col-md-12 col-sm-12 col-xs-12 pt-cv-content-item pt-cv-1-col\" ><div class='pt-cv-ifield'><a href=\"https:\/\/www.dmsjuridica.com\/buscador_20179478954\/corteconstitucionalcronologico202454587\/t-1455-00\/\" class=\"_self pt-cv-href-thumbnail pt-cv-thumb-default\" target=\"_self\" ><\/a>\n<div class=\"pt-cv-taxoterm above_title\"><a href='https:\/\/www.dmsjuridica.com\/buscador_20179478954\/corteconstitucionalcronologico202454587\/category\/buscar-en-toda-la-corte\/2000\/tutelas-2000\/' title='Tutelas 2000' class='pt-cv-tax-tutelas-2000'>Tutelas 2000<\/a><\/div>\n<h4 class=\"pt-cv-title\"><a href=\"https:\/\/www.dmsjuridica.com\/buscador_20179478954\/corteconstitucionalcronologico202454587\/t-1455-00\/\" class=\"_self\" target=\"_self\" >T-1455-00<\/a><\/h4>\n<div class=\"pt-cv-content\">\u00a0 \u00a0 Sentencia T-1455\/00 \u00a0 MINISTERIO DE JUSTICIA-Indebida representaci\u00f3n \u00a0 ACCION DE TUTELA-Subsidiariedad \u00a0 ACCION DE NULIDAD Y RESTABLECIMIENTO DEL DERECHO-Controversias sobre nuevo nombramiento por supresi\u00f3n de cargos en el Ministerio de Justicia \u00a0 Referencia: expediente T-338445 \u00a0 Acci\u00f3n de tutela instaurada por Epimenio Rojas Pont\u00f3n contra el Ministerio de Justicia y del Derecho \u00a0 Magistrada Ponente (E):\u00a0 \u00a0 Dra. MARTHA VICTORIA S\u00c1CHICA M\u00c9NDEZ\u00a0 \u00a0 Bogot\u00e1, D.C., octubre veintis\u00e9is (26) de dos mil (2000) \u00a0 La Sala Tercera de Revisi\u00f3n de la Corte Constitucional, integrada por los magistrados, Martha V. S\u00e1chica M\u00e9ndez, Carlos Gaviria D\u00edaz y Jos\u00e9 Gregorio Hern\u00e1ndez Galindo, ...<br \/><div class=\"pt-cv-rmwrap\"><a href=\"https:\/\/www.dmsjuridica.com\/buscador_20179478954\/corteconstitucionalcronologico202454587\/t-1455-00\/\" class=\"_self pt-cv-readmore btn btn-success\" target=\"_self\">Ver Sentencia Completa...<\/a><\/div><\/div><\/div><\/div>\n<div class=\"col-md-12 col-sm-12 col-xs-12 pt-cv-content-item pt-cv-1-col\" ><div class='pt-cv-ifield'><a href=\"https:\/\/www.dmsjuridica.com\/buscador_20179478954\/corteconstitucionalcronologico202454587\/t-1454-00\/\" class=\"_self pt-cv-href-thumbnail pt-cv-thumb-default\" target=\"_self\" ><\/a>\n<div class=\"pt-cv-taxoterm above_title\"><a href='https:\/\/www.dmsjuridica.com\/buscador_20179478954\/corteconstitucionalcronologico202454587\/category\/buscar-en-toda-la-corte\/2000\/tutelas-2000\/' title='Tutelas 2000' class='pt-cv-tax-tutelas-2000'>Tutelas 2000<\/a><\/div>\n<h4 class=\"pt-cv-title\"><a href=\"https:\/\/www.dmsjuridica.com\/buscador_20179478954\/corteconstitucionalcronologico202454587\/t-1454-00\/\" class=\"_self\" target=\"_self\" >T-1454-00<\/a><\/h4>\n<div class=\"pt-cv-content\">\u00a0 \u00a0 Sentencia T-1454\/00 \u00a0 ACCION DE TUTELA CONTRA PARTICULARES-Subordinaci\u00f3n \u00a0 ACCION DE TUTELA-Improcedencia general pago de acreencias laborales \u00a0 ACCION DE TUTELA EN MATERIA LABORAL-Improcedencia general \u00a0 MEDIO DE DEFENSA JUDICIAL EFICAZ-Incremento salarial \u00a0 Referencia: expediente T-335362 \u00a0 Acci\u00f3n de tutela instaurada por Gualberto de la Hoz Mercado contra Industrias Phillips de Colombia S.A. \u00a0 Magistrada Ponente (E):\u00a0 \u00a0 Dra. MARTHA VICTORIA S\u00c1CHICA M\u00c9NDEZ \u00a0 Bogot\u00e1, D.C., octubre veintis\u00e9is (26) de dos mil (2000). \u00a0 La Sala Tercera de Revisi\u00f3n de la Corte Constitucional, integrada por los magistrados, Martha Victoria S\u00e1chica M\u00e9ndez, Carlos Gaviria D\u00edaz y Jos\u00e9 Gregorio Hern\u00e1ndez ...<br \/><div class=\"pt-cv-rmwrap\"><a href=\"https:\/\/www.dmsjuridica.com\/buscador_20179478954\/corteconstitucionalcronologico202454587\/t-1454-00\/\" class=\"_self pt-cv-readmore btn btn-success\" target=\"_self\">Ver Sentencia Completa...<\/a><\/div><\/div><\/div><\/div>\n<div class=\"col-md-12 col-sm-12 col-xs-12 pt-cv-content-item pt-cv-1-col\" ><div class='pt-cv-ifield'><a href=\"https:\/\/www.dmsjuridica.com\/buscador_20179478954\/corteconstitucionalcronologico202454587\/t-1453-00\/\" class=\"_self pt-cv-href-thumbnail pt-cv-thumb-default\" target=\"_self\" ><\/a>\n<div class=\"pt-cv-taxoterm above_title\"><a href='https:\/\/www.dmsjuridica.com\/buscador_20179478954\/corteconstitucionalcronologico202454587\/category\/buscar-en-toda-la-corte\/2000\/tutelas-2000\/' title='Tutelas 2000' class='pt-cv-tax-tutelas-2000'>Tutelas 2000<\/a><\/div>\n<h4 class=\"pt-cv-title\"><a href=\"https:\/\/www.dmsjuridica.com\/buscador_20179478954\/corteconstitucionalcronologico202454587\/t-1453-00\/\" class=\"_self\" target=\"_self\" >T-1453-00<\/a><\/h4>\n<div class=\"pt-cv-content\">\u00a0 \u00a0 Sentencia T-1453\/00 \u00a0 ACCION DE TUTELA CONTRA PARTICULARES-Procedencia \u00a0 ACCION DE TUTELA-Procedencia excepcional pago de acreencias laborales \u00a0 MEDIO DE DEFENSA JUDICIAL-Reajuste salarial por p\u00e9rdida del poder adquisitivo \u00a0 Referencia: expediente T-333845 \u00a0 Acci\u00f3n de tutela instaurada por Carmen Teresa Bustos contra La Campi\u00f1a S.A. \u00a0 Magistrada Ponente (E):\u00a0 \u00a0 Dra. MARTHA VICTORIA S\u00c1CHICA M\u00c9NDEZ \u00a0 Bogot\u00e1, D.C., octubre veintis\u00e9is (26) de dos mil (2000). \u00a0 SENTENCIA \u00a0 en el proceso de revisi\u00f3n de tutela n\u00famero T-333845 del fallo adoptado por el Juzgado Treinta y Cinco Civil del Circuito de Bogot\u00e1, dentro de la acci\u00f3n de tutela instaurada ...<br \/><div class=\"pt-cv-rmwrap\"><a href=\"https:\/\/www.dmsjuridica.com\/buscador_20179478954\/corteconstitucionalcronologico202454587\/t-1453-00\/\" class=\"_self pt-cv-readmore btn btn-success\" target=\"_self\">Ver Sentencia Completa...<\/a><\/div><\/div><\/div><\/div>\n<div class=\"col-md-12 col-sm-12 col-xs-12 pt-cv-content-item pt-cv-1-col\" ><div class='pt-cv-ifield'><a href=\"https:\/\/www.dmsjuridica.com\/buscador_20179478954\/corteconstitucionalcronologico202454587\/t-1452-00\/\" class=\"_self pt-cv-href-thumbnail pt-cv-thumb-default\" target=\"_self\" ><\/a>\n<div class=\"pt-cv-taxoterm above_title\"><a href='https:\/\/www.dmsjuridica.com\/buscador_20179478954\/corteconstitucionalcronologico202454587\/category\/buscar-en-toda-la-corte\/2000\/tutelas-2000\/' title='Tutelas 2000' class='pt-cv-tax-tutelas-2000'>Tutelas 2000<\/a><\/div>\n<h4 class=\"pt-cv-title\"><a href=\"https:\/\/www.dmsjuridica.com\/buscador_20179478954\/corteconstitucionalcronologico202454587\/t-1452-00\/\" class=\"_self\" target=\"_self\" >T-1452-00<\/a><\/h4>\n<div class=\"pt-cv-content\">\u00a0 \u00a0 Sentencia T-1452\/00 \u00a0 MEDIO DE DEFENSA JUDICIAL EFICAZ-Improcedencia de tutela\/ACCION DE TUTELA-Improcedencia contra actos de car\u00e1cter general, impersonal y abstracto \u00a0 Referencia: expediente T-333840 \u00a0 Acci\u00f3n de tutela instaurada por Nelson S\u00e1nchez Fl\u00f3rez contra el Presidente de la Rep\u00fablica. \u00a0 Magistrada Ponente (E):\u00a0 \u00a0 Dra. MARTHA VICTORIA S\u00c1CHICA M\u00c9NDEZ \u00a0 Bogot\u00e1, D.C., octubre veintis\u00e9is (26) de dos mil (2000). \u00a0 La Sala Tercera de Revisi\u00f3n de la Corte Constitucional, integrada por los magistrados Martha Victoria S\u00e1chica M\u00e9ndez, Carlos Gaviria D\u00edaz y Jos\u00e9 Gregorio Hern\u00e1ndez Galindo, en ejercicio de sus competencias constitucionales y legales, ha proferido la siguiente \u00a0 ...<br \/><div class=\"pt-cv-rmwrap\"><a href=\"https:\/\/www.dmsjuridica.com\/buscador_20179478954\/corteconstitucionalcronologico202454587\/t-1452-00\/\" class=\"_self pt-cv-readmore btn btn-success\" target=\"_self\">Ver Sentencia Completa...<\/a><\/div><\/div><\/div><\/div>\n<div class=\"col-md-12 col-sm-12 col-xs-12 pt-cv-content-item pt-cv-1-col\" ><div class='pt-cv-ifield'><a href=\"https:\/\/www.dmsjuridica.com\/buscador_20179478954\/corteconstitucionalcronologico202454587\/t-1451-00\/\" class=\"_self pt-cv-href-thumbnail pt-cv-thumb-default\" target=\"_self\" ><\/a>\n<div class=\"pt-cv-taxoterm above_title\"><a href='https:\/\/www.dmsjuridica.com\/buscador_20179478954\/corteconstitucionalcronologico202454587\/category\/buscar-en-toda-la-corte\/2000\/tutelas-2000\/' title='Tutelas 2000' class='pt-cv-tax-tutelas-2000'>Tutelas 2000<\/a><\/div>\n<h4 class=\"pt-cv-title\"><a href=\"https:\/\/www.dmsjuridica.com\/buscador_20179478954\/corteconstitucionalcronologico202454587\/t-1451-00\/\" class=\"_self\" target=\"_self\" >T-1451-00<\/a><\/h4>\n<div class=\"pt-cv-content\">\u00a0 \u00a0 Sentencia T-1451\/00\u00a0 \u00a0 ACCION DE TUTELA-Criterios para determinar su procedencia cuando se afectan derechos colectivos \u00a0 JUEZ CONSTITUCIONAL-Demostraci\u00f3n fehaciente de que la vulneraci\u00f3n de un derecho colectivo conlleva la vulneraci\u00f3n de derechos fundamentales\/ACCION POPULAR-Vulneraci\u00f3n de derechos colectivos\/ACCION POPULAR-Obras de alcantarillado \u00a0 Hoy, es necesario que el juez constitucional exija la demostraci\u00f3n fehaciente de que la vulneraci\u00f3n de un derecho colectivo conlleva adem\u00e1s la afectaci\u00f3n o amenaza de violaci\u00f3n de derechos fundamentales, como requisito de procedibilidad, pues s\u00f3lo en dicho caso prevalece la acci\u00f3n de tutela. De no demostrarse, la tutela ser\u00e1 un mecanismo improcedente frente a otras acciones, ...<br \/><div class=\"pt-cv-rmwrap\"><a href=\"https:\/\/www.dmsjuridica.com\/buscador_20179478954\/corteconstitucionalcronologico202454587\/t-1451-00\/\" class=\"_self pt-cv-readmore btn btn-success\" target=\"_self\">Ver Sentencia Completa...<\/a><\/div><\/div><\/div><\/div>\n<div class=\"col-md-12 col-sm-12 col-xs-12 pt-cv-content-item pt-cv-1-col\" ><div class='pt-cv-ifield'><a href=\"https:\/\/www.dmsjuridica.com\/buscador_20179478954\/corteconstitucionalcronologico202454587\/t-1450-00\/\" class=\"_self pt-cv-href-thumbnail pt-cv-thumb-default\" target=\"_self\" ><\/a>\n<div class=\"pt-cv-taxoterm above_title\"><a href='https:\/\/www.dmsjuridica.com\/buscador_20179478954\/corteconstitucionalcronologico202454587\/category\/buscar-en-toda-la-corte\/2000\/tutelas-2000\/' title='Tutelas 2000' class='pt-cv-tax-tutelas-2000'>Tutelas 2000<\/a><\/div>\n<h4 class=\"pt-cv-title\"><a href=\"https:\/\/www.dmsjuridica.com\/buscador_20179478954\/corteconstitucionalcronologico202454587\/t-1450-00\/\" class=\"_self\" target=\"_self\" >T-1450-00<\/a><\/h4>\n<div class=\"pt-cv-content\">\u00a0 \u00a0 Sentencia T-1450\/00 \u00a0 PROCESO DE RESPONSABILIDAD FISCAL-Naturaleza\/DEBIDO PROCESO DE RESPONSABILIDAD FISCAL-Aplicaci\u00f3n \u00a0 PROCESO DE RESPONSABILIDAD FISCAL-Etapa de investigaci\u00f3n\/PROCESO DE RESPONSABILIDAD FISCAL-Juicio fiscal \u00a0 VERSION LIBRE EN PROCESO DE RESPONSABILIDAD FISCAL-Obligatoria por excepci\u00f3n \u00a0 Es claro que en la etapa preliminar que antecede a la apertura de la investigaci\u00f3n fiscal, la entidad puede si as\u00ed lo considera indispensable citar a los presuntos responsables a rendir declaraci\u00f3n en versi\u00f3n libre o, se puede por estos solicitar que se les reciba tal versi\u00f3n en diligencia para lo cual se se\u00f1ale d\u00eda, fecha y hora, a semejanza de lo que ocurre en ...<br \/><div class=\"pt-cv-rmwrap\"><a href=\"https:\/\/www.dmsjuridica.com\/buscador_20179478954\/corteconstitucionalcronologico202454587\/t-1450-00\/\" class=\"_self pt-cv-readmore btn btn-success\" target=\"_self\">Ver Sentencia Completa...<\/a><\/div><\/div><\/div><\/div>\n<div class=\"col-md-12 col-sm-12 col-xs-12 pt-cv-content-item pt-cv-1-col\" ><div class='pt-cv-ifield'><a href=\"https:\/\/www.dmsjuridica.com\/buscador_20179478954\/corteconstitucionalcronologico202454587\/t-145-00\/\" class=\"_self pt-cv-href-thumbnail pt-cv-thumb-default\" target=\"_self\" ><\/a>\n<div class=\"pt-cv-taxoterm above_title\"><a href='https:\/\/www.dmsjuridica.com\/buscador_20179478954\/corteconstitucionalcronologico202454587\/category\/buscar-en-toda-la-corte\/2000\/tutelas-2000\/' title='Tutelas 2000' class='pt-cv-tax-tutelas-2000'>Tutelas 2000<\/a><\/div>\n<h4 class=\"pt-cv-title\"><a href=\"https:\/\/www.dmsjuridica.com\/buscador_20179478954\/corteconstitucionalcronologico202454587\/t-145-00\/\" class=\"_self\" target=\"_self\" >T-145-00<\/a><\/h4>\n<div class=\"pt-cv-content\">\u00a0 \u00a0 Sentencia T-145\/00 \u00a0 PERSONA JURIDICA-Titularidad de derechos fundamentales \u00a0 Las personas jur\u00eddicas tambi\u00e9n son sujetos de derechos fundamentales, aunque por naturaleza no sean susceptibles de ser titulares de todos los inherentes al ser humano. Se ha precisado que, cuando el art\u00edculo 86 de la Constituci\u00f3n estableci\u00f3 que toda persona ten\u00eda derecho a ejercer la acci\u00f3n de tutela, no distingui\u00f3 entre personas naturales y jur\u00eddicas, lo cual habilita a estas \u00faltimas para acudir en sede de tutela con el objeto de procurar la defensa de sus derechos fundamentales. El juez constitucional est\u00e1 llamado a definir cu\u00e1les son tales derechos, ...<br \/><div class=\"pt-cv-rmwrap\"><a href=\"https:\/\/www.dmsjuridica.com\/buscador_20179478954\/corteconstitucionalcronologico202454587\/t-145-00\/\" class=\"_self pt-cv-readmore btn btn-success\" target=\"_self\">Ver Sentencia Completa...<\/a><\/div><\/div><\/div><\/div>\n<div class=\"col-md-12 col-sm-12 col-xs-12 pt-cv-content-item pt-cv-1-col\" ><div class='pt-cv-ifield'><a href=\"https:\/\/www.dmsjuridica.com\/buscador_20179478954\/corteconstitucionalcronologico202454587\/t-144-00\/\" class=\"_self pt-cv-href-thumbnail pt-cv-thumb-default\" target=\"_self\" ><\/a>\n<div class=\"pt-cv-taxoterm above_title\"><a href='https:\/\/www.dmsjuridica.com\/buscador_20179478954\/corteconstitucionalcronologico202454587\/category\/buscar-en-toda-la-corte\/2000\/tutelas-2000\/' title='Tutelas 2000' class='pt-cv-tax-tutelas-2000'>Tutelas 2000<\/a><\/div>\n<h4 class=\"pt-cv-title\"><a href=\"https:\/\/www.dmsjuridica.com\/buscador_20179478954\/corteconstitucionalcronologico202454587\/t-144-00\/\" class=\"_self\" target=\"_self\" >T-144-00<\/a><\/h4>\n<div class=\"pt-cv-content\">\u00a0 \u00a0 Sentencia T-144\/00 \u00a0 DERECHO A LA SALUD DEL INTERNO-Ingreso de calentador \u00a0 El derecho a la salud del peticionario adquiere relevancia de derecho fundamental constitucional, por la circunstancia de que si bien el electrodom\u00e9stico mencionado no va a curar su enfermedad y, en consecuencia, a poner fin a sus padecimientos, por lo menos le permite paliar sus efectos y gozar de unas condiciones de existencia digna, pese a las limitaciones normales que comporta el hecho de encontrarse recluido en un centro carcelario, pues el derecho a la salud no s\u00f3lo implica la posibilidad de que la persona pueda ...<br \/><div class=\"pt-cv-rmwrap\"><a href=\"https:\/\/www.dmsjuridica.com\/buscador_20179478954\/corteconstitucionalcronologico202454587\/t-144-00\/\" class=\"_self pt-cv-readmore btn btn-success\" target=\"_self\">Ver Sentencia Completa...<\/a><\/div><\/div><\/div><\/div>\n<div class=\"col-md-12 col-sm-12 col-xs-12 pt-cv-content-item pt-cv-1-col\" ><div class='pt-cv-ifield'><a href=\"https:\/\/www.dmsjuridica.com\/buscador_20179478954\/corteconstitucionalcronologico202454587\/t-1434-00\/\" class=\"_self pt-cv-href-thumbnail pt-cv-thumb-default\" target=\"_self\" ><\/a>\n<div class=\"pt-cv-taxoterm above_title\"><a href='https:\/\/www.dmsjuridica.com\/buscador_20179478954\/corteconstitucionalcronologico202454587\/category\/buscar-en-toda-la-corte\/2000\/tutelas-2000\/' title='Tutelas 2000' class='pt-cv-tax-tutelas-2000'>Tutelas 2000<\/a><\/div>\n<h4 class=\"pt-cv-title\"><a href=\"https:\/\/www.dmsjuridica.com\/buscador_20179478954\/corteconstitucionalcronologico202454587\/t-1434-00\/\" class=\"_self\" target=\"_self\" >T-1434-00<\/a><\/h4>\n<div class=\"pt-cv-content\">\u00a0 \u00a0 Sentencia T-1434\/00 \u00a0 DERECHO AL PAGO OPORTUNO DEL SALARIO-Fundamental\/DERECHO AL MINIMO VITAL DEL TRABAJADOR-Pago oportuno de salarios \u00a0 EMPLEADOR-Falta de presupuesto o insolvencia para pago oportuno de salarios no es raz\u00f3n suficiente \u00a0 Reiteraci\u00f3n de jurisprudencia \u00a0 Referencia: expediente T-278084 \u00a0 Magistrado Ponente: \u00a0 Dr. ALVARO TAFUR GALVIS \u00a0 Bogot\u00e1 D.C., a los veinticuatro \u00a0 \u00a0 \u00a0 \u00a0(24) d\u00edas del mes de octubre de dos mil (2000). \u00a0 La Sala Novena de Revisi\u00f3n de la Corte Constitucional, en ejercicio de sus competencias constitucionales y legales, espec\u00edficamente las previstas en los art\u00edculos 86 y 241, numeral 9, de la ...<br \/><div class=\"pt-cv-rmwrap\"><a href=\"https:\/\/www.dmsjuridica.com\/buscador_20179478954\/corteconstitucionalcronologico202454587\/t-1434-00\/\" class=\"_self pt-cv-readmore btn btn-success\" target=\"_self\">Ver Sentencia Completa...<\/a><\/div><\/div><\/div><\/div>\n<div class=\"col-md-12 col-sm-12 col-xs-12 pt-cv-content-item pt-cv-1-col\" ><div class='pt-cv-ifield'><a href=\"https:\/\/www.dmsjuridica.com\/buscador_20179478954\/corteconstitucionalcronologico202454587\/t-1432-00\/\" class=\"_self pt-cv-href-thumbnail pt-cv-thumb-default\" target=\"_self\" ><\/a>\n<div class=\"pt-cv-taxoterm above_title\"><a href='https:\/\/www.dmsjuridica.com\/buscador_20179478954\/corteconstitucionalcronologico202454587\/category\/buscar-en-toda-la-corte\/2000\/tutelas-2000\/' title='Tutelas 2000' class='pt-cv-tax-tutelas-2000'>Tutelas 2000<\/a><\/div>\n<h4 class=\"pt-cv-title\"><a href=\"https:\/\/www.dmsjuridica.com\/buscador_20179478954\/corteconstitucionalcronologico202454587\/t-1432-00\/\" class=\"_self\" target=\"_self\" >T-1432-00<\/a><\/h4>\n<div class=\"pt-cv-content\">\u00a0 \u00a0 Sentencia T-1432\/00 \u00a0 SERVICIOS PUBLICOS-Implicaciones sobre la calidad de vida\/ACCION DE TUTELA CONTRA EMPRESA DE SERVICIOS PUBLICOS-Procedencia en situaciones especiales para dirimir conflictos con usuarios \u00a0 EMPRESA DE SERVICIOS PUBLICOS DOMICILIARIOS-Suspensi\u00f3n del servicio y consecuencias cuando el usuario se atrasa en pago de tres facturas \u00a0 EMPRESA DE SERVICIOS PUBLICOS DOMICILIARIOS-Reinstalaci\u00f3n servicio de energ\u00eda a propietaria \u00a0 La propietaria del inmueble tiene derecho a que se le reinstale el servicio de energ\u00eda suspendido, porque la entidad accionada debi\u00f3 proceder a la suspensi\u00f3n del servicio, en el momento en que el arrendatario incumpli\u00f3 con el pago de tres per\u00edodos ...<br \/><div class=\"pt-cv-rmwrap\"><a href=\"https:\/\/www.dmsjuridica.com\/buscador_20179478954\/corteconstitucionalcronologico202454587\/t-1432-00\/\" class=\"_self pt-cv-readmore btn btn-success\" target=\"_self\">Ver Sentencia Completa...<\/a><\/div><\/div><\/div><\/div>\n<div class=\"col-md-12 col-sm-12 col-xs-12 pt-cv-content-item pt-cv-1-col\" ><div class='pt-cv-ifield'><a href=\"https:\/\/www.dmsjuridica.com\/buscador_20179478954\/corteconstitucionalcronologico202454587\/t-1431-00\/\" class=\"_self pt-cv-href-thumbnail pt-cv-thumb-default\" target=\"_self\" ><\/a>\n<div class=\"pt-cv-taxoterm above_title\"><a href='https:\/\/www.dmsjuridica.com\/buscador_20179478954\/corteconstitucionalcronologico202454587\/category\/buscar-en-toda-la-corte\/2000\/tutelas-2000\/' title='Tutelas 2000' class='pt-cv-tax-tutelas-2000'>Tutelas 2000<\/a><\/div>\n<h4 class=\"pt-cv-title\"><a href=\"https:\/\/www.dmsjuridica.com\/buscador_20179478954\/corteconstitucionalcronologico202454587\/t-1431-00\/\" class=\"_self\" target=\"_self\" >T-1431-00<\/a><\/h4>\n<div class=\"pt-cv-content\">\u00a0 \u00a0 Expedientes T-330317 acumulados \u00a0 Sentencia T-1431\/00 \u00a0 ACCION DE TUTELA-Naturaleza \u00a0 JUEZ CONSTITUCIONAL-Improcedencia para sustituir a las autoridades en las competencias asignadas por la Constituci\u00f3n Pol\u00edtica \u00a0 GOBIERNO NACIONAL-Formulaci\u00f3n anual del presupuesto y ley de apropiaciones\/JUEZ DE TUTELA-Imposibilidad de modificar presupuesto para incremento salarial de servidores p\u00fablicos \u00a0 ACCION DE TUTELA COMO MECANISMO TRANSITORIO-Improcedencia incremento salarial para servidores p\u00fablicos \u00a0 Referencia: expedientes \u00a0 T-330656 \u00a0 \u00a0 \u00a0 \u00a0 \u00a0 \u00a0 \u00a0 \u00a0 \u00a0 \u00a0\u00a0 T-332004 \u00a0 \u00a0 \u00a0 \u00a0 \u00a0 \u00a0 \u00a0 \u00a0 \u00a0 \u00a0\u00a0 T-330317 \u00a0 \u00a0 \u00a0 \u00a0 \u00a0 \u00a0 \u00a0 \u00a0 \u00a0 \u00a0\u00a0 T-330338 \u00a0 ...<br \/><div class=\"pt-cv-rmwrap\"><a href=\"https:\/\/www.dmsjuridica.com\/buscador_20179478954\/corteconstitucionalcronologico202454587\/t-1431-00\/\" class=\"_self pt-cv-readmore btn btn-success\" target=\"_self\">Ver Sentencia Completa...<\/a><\/div><\/div><\/div><\/div>\n<div class=\"col-md-12 col-sm-12 col-xs-12 pt-cv-content-item pt-cv-1-col\" ><div class='pt-cv-ifield'><a href=\"https:\/\/www.dmsjuridica.com\/buscador_20179478954\/corteconstitucionalcronologico202454587\/t-1430-00\/\" class=\"_self pt-cv-href-thumbnail pt-cv-thumb-default\" target=\"_self\" ><\/a>\n<div class=\"pt-cv-taxoterm above_title\"><a href='https:\/\/www.dmsjuridica.com\/buscador_20179478954\/corteconstitucionalcronologico202454587\/category\/buscar-en-toda-la-corte\/2000\/tutelas-2000\/' title='Tutelas 2000' class='pt-cv-tax-tutelas-2000'>Tutelas 2000<\/a><\/div>\n<h4 class=\"pt-cv-title\"><a href=\"https:\/\/www.dmsjuridica.com\/buscador_20179478954\/corteconstitucionalcronologico202454587\/t-1430-00\/\" class=\"_self\" target=\"_self\" >T-1430-00<\/a><\/h4>\n<div class=\"pt-cv-content\">\u00a0 \u00a0 Sentencia T-1430\/00 \u00a0 PRINCIPIO DE DIGNIDAD HUMANA-Alcance \u00a0 PREVALENCIA DE DERECHOS DEL NI\u00d1O \u00a0 PRINCIPIO DE INTERES SUPERIOR DEL MENOR-Alcance \u00a0 DERECHO A LA SALUD DEL NI\u00d1O-Fundamental\/INAPLICACION DE NORMAS DEL PLAN OBLIGATORIO DE SALUD-Pr\u00e1ctica de cirug\u00eda coclear excluida del POS \u00a0 Referencia: expediente T-328415 \u00a0 Acci\u00f3n de tutela incoada por Wilson Rodr\u00edguez Montes, en representaci\u00f3n de Wendy Zulay Rodr\u00edguez Ochoa, contra el Seguro Social\u00a0 \u00a0 Magistrado Ponente: \u00a0 Dr. JOS\u00c9 GREGORIO HERN\u00c1NDEZ GALINDO \u00a0 Bogot\u00e1, D.C., veinte (20) de octubre de dos mil (2000). \u00a0 La Sala Quinta de Revisi\u00f3n de la Corte Constitucional, en ejercicio de sus ...<br \/><div class=\"pt-cv-rmwrap\"><a href=\"https:\/\/www.dmsjuridica.com\/buscador_20179478954\/corteconstitucionalcronologico202454587\/t-1430-00\/\" class=\"_self pt-cv-readmore btn btn-success\" target=\"_self\">Ver Sentencia Completa...<\/a><\/div><\/div><\/div><\/div>\n<div class=\"col-md-12 col-sm-12 col-xs-12 pt-cv-content-item pt-cv-1-col\" ><div class='pt-cv-ifield'><a href=\"https:\/\/www.dmsjuridica.com\/buscador_20179478954\/corteconstitucionalcronologico202454587\/t-143-00\/\" class=\"_self pt-cv-href-thumbnail pt-cv-thumb-default\" target=\"_self\" ><\/a>\n<div class=\"pt-cv-taxoterm above_title\"><a href='https:\/\/www.dmsjuridica.com\/buscador_20179478954\/corteconstitucionalcronologico202454587\/category\/buscar-en-toda-la-corte\/2000\/tutelas-2000\/' title='Tutelas 2000' class='pt-cv-tax-tutelas-2000'>Tutelas 2000<\/a><\/div>\n<h4 class=\"pt-cv-title\"><a href=\"https:\/\/www.dmsjuridica.com\/buscador_20179478954\/corteconstitucionalcronologico202454587\/t-143-00\/\" class=\"_self\" target=\"_self\" >T-143-00<\/a><\/h4>\n<div class=\"pt-cv-content\">\u00a0 \u00a0 Sentencia T-143\/00 \u00a0 \u00a0\u00a0 \u00a0 ACCION DE TUTELA CONTRA ADMINISTRACION DE CONJUNTO RESIDENCIAL-Procedencia \u00a0 ADMINISTRACION DE CONJUNTO RESIDENCIAL-Diligencias extraprocesales de cobro \u00a0 ADMINISTRACION DE CONJUNTO RESIDENCIAL-Suspensi\u00f3n de servicios comunes siempre que no se afecten necesidades vitales \u00a0 DERECHO DE PETICION ANTE ADMINISTRACION DE PROPIEDAD HORIZONTAL-Inexistencia de perjuicio irremediable \u00a0 DERECHO DE PETICION ANTE ADMINISTRACION DE CONJUNTO RESIDENCIAL-Copia del acta de asamblea, entrega de correspondencia y restablecimiento de servicios comunales \u00a0 INVIOLABILIDAD DE CORRESPONDENCIA Y DERECHO A LA INTIMIDAD-Retenci\u00f3n y no entrega de correspondencia por incumplimiento pago de cuotas de administraci\u00f3n de copropiedad \u00a0 ADMINISTRACION DE CONJUNTO RESIDENCIAL-Recepci\u00f3n de ...<br \/><div class=\"pt-cv-rmwrap\"><a href=\"https:\/\/www.dmsjuridica.com\/buscador_20179478954\/corteconstitucionalcronologico202454587\/t-143-00\/\" class=\"_self pt-cv-readmore btn btn-success\" target=\"_self\">Ver Sentencia Completa...<\/a><\/div><\/div><\/div><\/div>\n<div class=\"col-md-12 col-sm-12 col-xs-12 pt-cv-content-item pt-cv-1-col\" ><div class='pt-cv-ifield'><a href=\"https:\/\/www.dmsjuridica.com\/buscador_20179478954\/corteconstitucionalcronologico202454587\/t-1429-00\/\" class=\"_self pt-cv-href-thumbnail pt-cv-thumb-default\" target=\"_self\" ><\/a>\n<div class=\"pt-cv-taxoterm above_title\"><a href='https:\/\/www.dmsjuridica.com\/buscador_20179478954\/corteconstitucionalcronologico202454587\/category\/buscar-en-toda-la-corte\/2000\/tutelas-2000\/' title='Tutelas 2000' class='pt-cv-tax-tutelas-2000'>Tutelas 2000<\/a><\/div>\n<h4 class=\"pt-cv-title\"><a href=\"https:\/\/www.dmsjuridica.com\/buscador_20179478954\/corteconstitucionalcronologico202454587\/t-1429-00\/\" class=\"_self\" target=\"_self\" >T-1429-00<\/a><\/h4>\n<div class=\"pt-cv-content\">ACCION DE TUTELA-Hecho superado\/DERECHO DE PETICION-Sustituci\u00f3n pensional \u00a0 Referencia: expediente T-330709 \u00a0 Acci\u00f3n de tutela instaurada por Gilma Varona Campo contra la Caja Nacional de Previsi\u00f3n, Seccional Valle del Cauca. \u00a0 Magistrado Ponente: \u00a0 Dr. FABIO MORON DIAZ\u00a0 \u00a0 Bogot\u00e1, D.C., a los veinte (20) d\u00edas del mes de octubre del a\u00f1o dos mil (2000). \u00a0\u00a0 \u00a0 La Sala S\u00e9ptima de Revisi\u00f3n de Tutelas de la Corte Constitucional, integrada por los Magistrados CRISTINA PARDO SCHLESINGER, ALVARO TAFUR GALVIS y FABIO MORON DIAZ, en ejercicio de sus competencias constitucionales y legales, ha proferido la siguiente \u00a0 SENTENCIA \u00a0 dentro del proceso ...<br \/><div class=\"pt-cv-rmwrap\"><a href=\"https:\/\/www.dmsjuridica.com\/buscador_20179478954\/corteconstitucionalcronologico202454587\/t-1429-00\/\" class=\"_self pt-cv-readmore btn btn-success\" target=\"_self\">Ver Sentencia Completa...<\/a><\/div><\/div><\/div><\/div>\n<div class=\"col-md-12 col-sm-12 col-xs-12 pt-cv-content-item pt-cv-1-col\" ><div class='pt-cv-ifield'><a href=\"https:\/\/www.dmsjuridica.com\/buscador_20179478954\/corteconstitucionalcronologico202454587\/t-1428-00\/\" class=\"_self pt-cv-href-thumbnail pt-cv-thumb-default\" target=\"_self\" ><\/a>\n<div class=\"pt-cv-taxoterm above_title\"><a href='https:\/\/www.dmsjuridica.com\/buscador_20179478954\/corteconstitucionalcronologico202454587\/category\/buscar-en-toda-la-corte\/2000\/tutelas-2000\/' title='Tutelas 2000' class='pt-cv-tax-tutelas-2000'>Tutelas 2000<\/a><\/div>\n<h4 class=\"pt-cv-title\"><a href=\"https:\/\/www.dmsjuridica.com\/buscador_20179478954\/corteconstitucionalcronologico202454587\/t-1428-00\/\" class=\"_self\" target=\"_self\" >T-1428-00<\/a><\/h4>\n<div class=\"pt-cv-content\">\u00a0 \u00a0 Sentencia T-1428\/00 \u00a0 ACCION DE TUTELA-Procedencia excepcional pago de acreencias laborales \u00a0 Reiteraci\u00f3n de Jurisprudencia \u00a0 Referencia: expedientes T-328221, T-328222, \u00a0T-328223 y T-328224. \u00a0 Acciones de tutela instauradas por Mary Cielo L\u00f3pez Rincones, Marozia Mar\u00eda Murillo Mosquera, Ledys del Carmen Guti\u00e9rrez Gonz\u00e1lez y Adalgira Osorio Molina contra el Departamento de Cesar. \u00a0 Magistrado Ponente: \u00a0 Dr. FABIO MOR\u00d3N D\u00cdAZ \u00a0 Bogot\u00e1 D.C., a los veinte (20) d\u00edas del mes de octubre de dos mil (2000). \u00a0 La Sala S\u00e9ptima de Revisi\u00f3n de la Corte Constitucional, integrada por los Magistrados CRISTINA PARDO SCHLESINGER, ALVARO TAFUR GALVIS y FABIO MOR\u00d3N ...<br \/><div class=\"pt-cv-rmwrap\"><a href=\"https:\/\/www.dmsjuridica.com\/buscador_20179478954\/corteconstitucionalcronologico202454587\/t-1428-00\/\" class=\"_self pt-cv-readmore btn btn-success\" target=\"_self\">Ver Sentencia Completa...<\/a><\/div><\/div><\/div><\/div>\n<div class=\"col-md-12 col-sm-12 col-xs-12 pt-cv-content-item pt-cv-1-col\" ><div class='pt-cv-ifield'><a href=\"https:\/\/www.dmsjuridica.com\/buscador_20179478954\/corteconstitucionalcronologico202454587\/t-1427-00\/\" class=\"_self pt-cv-href-thumbnail pt-cv-thumb-default\" target=\"_self\" ><\/a>\n<div class=\"pt-cv-taxoterm above_title\"><a href='https:\/\/www.dmsjuridica.com\/buscador_20179478954\/corteconstitucionalcronologico202454587\/category\/buscar-en-toda-la-corte\/2000\/tutelas-2000\/' title='Tutelas 2000' class='pt-cv-tax-tutelas-2000'>Tutelas 2000<\/a><\/div>\n<h4 class=\"pt-cv-title\"><a href=\"https:\/\/www.dmsjuridica.com\/buscador_20179478954\/corteconstitucionalcronologico202454587\/t-1427-00\/\" class=\"_self\" target=\"_self\" >T-1427-00<\/a><\/h4>\n<div class=\"pt-cv-content\">\u00a0 \u00a0 Sentencia T-1427\/00 \u00a0 HABEAS DATA-N\u00facleo esencial\/HABEAS DATA-Alcance \u00a0 DEUDOR SOLIDARIO-Mora en cr\u00e9dito hipotecario \u00a0 Reiteraci\u00f3n de Jurisprudencia \u00a0 Referencia: expediente T-318757 \u00a0 Acci\u00f3n de tutela instaurada por Gabriel Alberto Bustos Guerrero contra la Corporaci\u00f3n de Ahorro y Vivienda AV Villas.\u00a0 \u00a0 Magistrado Ponente: \u00a0 Dr. FABIO MOR\u00d3N D\u00cdAZ \u00a0 Bogot\u00e1, D.C., a los veinte (20) d\u00edas del mes de octubre de dos mil (2000). \u00a0 La Sala S\u00e9ptima de Revisi\u00f3n de la Corte Constitucional, integrada por los Magistrados CRISTINA PARDO SCHLESINGER, ALVARO TAFUR GALVIS y FABIO MOR\u00d3N D\u00cdAZ, en ejercicio de sus competencias constitucionales y legales, ha proferido ...<br \/><div class=\"pt-cv-rmwrap\"><a href=\"https:\/\/www.dmsjuridica.com\/buscador_20179478954\/corteconstitucionalcronologico202454587\/t-1427-00\/\" class=\"_self pt-cv-readmore btn btn-success\" target=\"_self\">Ver Sentencia Completa...<\/a><\/div><\/div><\/div><\/div>\n<div class=\"col-md-12 col-sm-12 col-xs-12 pt-cv-content-item pt-cv-1-col\" ><div class='pt-cv-ifield'><a href=\"https:\/\/www.dmsjuridica.com\/buscador_20179478954\/corteconstitucionalcronologico202454587\/t-1426-00\/\" class=\"_self pt-cv-href-thumbnail pt-cv-thumb-default\" target=\"_self\" ><\/a>\n<div class=\"pt-cv-taxoterm above_title\"><a href='https:\/\/www.dmsjuridica.com\/buscador_20179478954\/corteconstitucionalcronologico202454587\/category\/buscar-en-toda-la-corte\/2000\/tutelas-2000\/' title='Tutelas 2000' class='pt-cv-tax-tutelas-2000'>Tutelas 2000<\/a><\/div>\n<h4 class=\"pt-cv-title\"><a href=\"https:\/\/www.dmsjuridica.com\/buscador_20179478954\/corteconstitucionalcronologico202454587\/t-1426-00\/\" class=\"_self\" target=\"_self\" >T-1426-00<\/a><\/h4>\n<div class=\"pt-cv-content\">\u00a0 \u00a0 Sentencia T-1426\/00 \u00a0 DERECHO A LA LIBRE OPCION SEXUAL-Alcance\/PRINCIPIO DE IGUALDAD-No discriminaci\u00f3n de homosexuales \u00a0 COMPA\u00d1EROS PERMANENTES-Definici\u00f3n legal \u00a0 DERECHO A LA SEGURIDAD SOCIAL-No afiliaci\u00f3n de parejas homosexuales \u00a0 Referencia: expediente T-331.186 \u00a0 Acci\u00f3n de tutela instaurada por Otoniel Sarmiento Moreno contra el Seguro Social, Seccional Bogot\u00e1. \u00a0 Magistrado Ponente: \u00a0 Dr. ALVARO TAFUR GALVIS. \u00a0 Bogot\u00e1, D.C., diecinueve (19) de octubre de dos mil (2000).\u00a0 \u00a0 La Sala Novena de Revisi\u00f3n de la Corte Constitucional, integrada por los magistrados Antonio Barrera Carbonell, Alfredo Beltr\u00e1n Sierra y Alvaro Tafur Galvis, quien actua como ponente, en ejercicio de sus ...<br \/><div class=\"pt-cv-rmwrap\"><a href=\"https:\/\/www.dmsjuridica.com\/buscador_20179478954\/corteconstitucionalcronologico202454587\/t-1426-00\/\" class=\"_self pt-cv-readmore btn btn-success\" target=\"_self\">Ver Sentencia Completa...<\/a><\/div><\/div><\/div><\/div>\n<div class=\"col-md-12 col-sm-12 col-xs-12 pt-cv-content-item pt-cv-1-col\" ><div class='pt-cv-ifield'><a href=\"https:\/\/www.dmsjuridica.com\/buscador_20179478954\/corteconstitucionalcronologico202454587\/t-1425-00\/\" class=\"_self pt-cv-href-thumbnail pt-cv-thumb-default\" target=\"_self\" ><\/a>\n<div class=\"pt-cv-taxoterm above_title\"><a href='https:\/\/www.dmsjuridica.com\/buscador_20179478954\/corteconstitucionalcronologico202454587\/category\/buscar-en-toda-la-corte\/2000\/tutelas-2000\/' title='Tutelas 2000' class='pt-cv-tax-tutelas-2000'>Tutelas 2000<\/a><\/div>\n<h4 class=\"pt-cv-title\"><a href=\"https:\/\/www.dmsjuridica.com\/buscador_20179478954\/corteconstitucionalcronologico202454587\/t-1425-00\/\" class=\"_self\" target=\"_self\" >T-1425-00<\/a><\/h4>\n<div class=\"pt-cv-content\">\u00a0 \u00a0 Sentencia T-1425\/00 \u00a0 PERSONAL DOCENTE-Pago de salarios\/DERECHO AL MINIMO VITAL DEL TRABAJADOR-Pago de salarios atrasados \u00a0 CONTRATO DE TRABAJO Y CONTRATO DE PRESTACION DE SERVICIOS-Diferencias \u00a0 Reiteraci\u00f3n de Jurisprudencia\u00a0 \u00a0 Referencia: expediente T-310.876 \u00a0 Acci\u00f3n de tutela instaurada por Lucy de Jes\u00fas Carrillo N\u00fa\u00f1ez, Jolman Lu\u00eds Bele\u00f1o Rocha, N\u00e9stor Germ\u00e1n Zarabanda Correa, Jorge Mart\u00ednez Ch\u00e1vez, Neyder Guill\u00e9n Lerma y Francisco Javier Amaya, contra la alcald\u00eda municipal de Astrea (Cesar) \u00a0 Magistrado Ponente:\u00a0 \u00a0 Dr. ALVARO TAFUR GALVIS \u00a0 Bogot\u00e1, D.C. \u00a0diecinueve (19) de octubre \u00a0del a\u00f1o dos mil (2000). \u00a0 La Sala Novena de Revisi\u00f3n de Tutelas de ...<br \/><div class=\"pt-cv-rmwrap\"><a href=\"https:\/\/www.dmsjuridica.com\/buscador_20179478954\/corteconstitucionalcronologico202454587\/t-1425-00\/\" class=\"_self pt-cv-readmore btn btn-success\" target=\"_self\">Ver Sentencia Completa...<\/a><\/div><\/div><\/div><\/div>\n<div class=\"col-md-12 col-sm-12 col-xs-12 pt-cv-content-item pt-cv-1-col\" ><div class='pt-cv-ifield'><a href=\"https:\/\/www.dmsjuridica.com\/buscador_20179478954\/corteconstitucionalcronologico202454587\/t-1424-00\/\" class=\"_self pt-cv-href-thumbnail pt-cv-thumb-default\" target=\"_self\" ><\/a>\n<div class=\"pt-cv-taxoterm above_title\"><a href='https:\/\/www.dmsjuridica.com\/buscador_20179478954\/corteconstitucionalcronologico202454587\/category\/buscar-en-toda-la-corte\/2000\/tutelas-2000\/' title='Tutelas 2000' class='pt-cv-tax-tutelas-2000'>Tutelas 2000<\/a><\/div>\n<h4 class=\"pt-cv-title\"><a href=\"https:\/\/www.dmsjuridica.com\/buscador_20179478954\/corteconstitucionalcronologico202454587\/t-1424-00\/\" class=\"_self\" target=\"_self\" >T-1424-00<\/a><\/h4>\n<div class=\"pt-cv-content\">\u00a0 \u00a0 Sentencia T-1424\/00 \u00a0 LEGITIMACION POR ACTIVA DEL SINDICATO-Presentaci\u00f3n de tutela \u00a0 PROCESO DE LIQUIDACION OBLIGATORIA-Pago preferente de salarios \u00a0 Referencia: expediente T-332348 \u00a0 \u00a0 \u00a0 Acci\u00f3n de tutela instaurada por Anthoc vs. Hospital de Santa Rosa de Viterbo \u00a0 Procedencia: Tribunal Superior de Santa Rosa de Viterbo \u00a0 Magistrado Ponente: \u00a0 Dr. ALEJANDRO MARTINEZ CABALLERO \u00a0 Bogot\u00e1, D.C., veinte (20) de octubre de dos mil (2.000). \u00a0 La Sala Sexta de Revisi\u00f3n de la Corte Constitucional, integrada por los Magistrados doctores Alejandro Mart\u00ednez Caballero, Fabio Mor\u00f3n D\u00edaz y Cristina Pardo Schlesinger en ejercicio de sus competencias constitucionales y ...<br \/><div class=\"pt-cv-rmwrap\"><a href=\"https:\/\/www.dmsjuridica.com\/buscador_20179478954\/corteconstitucionalcronologico202454587\/t-1424-00\/\" class=\"_self pt-cv-readmore btn btn-success\" target=\"_self\">Ver Sentencia Completa...<\/a><\/div><\/div><\/div><\/div>\n<div class=\"col-md-12 col-sm-12 col-xs-12 pt-cv-content-item pt-cv-1-col\" ><div class='pt-cv-ifield'><a href=\"https:\/\/www.dmsjuridica.com\/buscador_20179478954\/corteconstitucionalcronologico202454587\/t-1422-00\/\" class=\"_self pt-cv-href-thumbnail pt-cv-thumb-default\" target=\"_self\" ><\/a>\n<div class=\"pt-cv-taxoterm above_title\"><a href='https:\/\/www.dmsjuridica.com\/buscador_20179478954\/corteconstitucionalcronologico202454587\/category\/buscar-en-toda-la-corte\/2000\/tutelas-2000\/' title='Tutelas 2000' class='pt-cv-tax-tutelas-2000'>Tutelas 2000<\/a><\/div>\n<h4 class=\"pt-cv-title\"><a href=\"https:\/\/www.dmsjuridica.com\/buscador_20179478954\/corteconstitucionalcronologico202454587\/t-1422-00\/\" class=\"_self\" target=\"_self\" >T-1422-00<\/a><\/h4>\n<div class=\"pt-cv-content\">\u00a0 \u00a0 Sentencia T-1422\/00 \u00a0 DERECHO DE PETICION EN VIA GUBERNATIVA-Protecci\u00f3n ante silencio administrativo\/DERECHO DE PETICION FRENTE AL SILENCIO ADMINISTRATIVO NEGATIVO-Deber de resolver la solicitud \u00a0 Referencia: expediente T-332876 \u00a0 Acci\u00f3n de tutela instaurada por Alma Dalia Torres de Pedrosa contra el Instituto de los Seguros Sociales, Seccional \u00a0Bol\u00edvar. \u00a0 Magistrado Ponente\u00a0: \u00a0 Dr. FABIO MORON DIAZ. \u00a0 Bogot\u00e1, D.C., octubre dieciocho (18) del \u00a0dos mil (2000). \u00a0 La Sala S\u00e9ptima de Revisi\u00f3n de Tutelas de la Corte Constitucional, integrada por los Magistrados CRISTINA PARDO SCHLESINGER (e), ALVARO TAFUR GALVIS y FABIO MORON DIAZ, en ejercicio de sus competencias constitucionales ...<br \/><div class=\"pt-cv-rmwrap\"><a href=\"https:\/\/www.dmsjuridica.com\/buscador_20179478954\/corteconstitucionalcronologico202454587\/t-1422-00\/\" class=\"_self pt-cv-readmore btn btn-success\" target=\"_self\">Ver Sentencia Completa...<\/a><\/div><\/div><\/div><\/div>\n<div class=\"col-md-12 col-sm-12 col-xs-12 pt-cv-content-item pt-cv-1-col\" ><div class='pt-cv-ifield'><a href=\"https:\/\/www.dmsjuridica.com\/buscador_20179478954\/corteconstitucionalcronologico202454587\/t-1421-00\/\" class=\"_self pt-cv-href-thumbnail pt-cv-thumb-default\" target=\"_self\" ><\/a>\n<div class=\"pt-cv-taxoterm above_title\"><a href='https:\/\/www.dmsjuridica.com\/buscador_20179478954\/corteconstitucionalcronologico202454587\/category\/buscar-en-toda-la-corte\/2000\/tutelas-2000\/' title='Tutelas 2000' class='pt-cv-tax-tutelas-2000'>Tutelas 2000<\/a><\/div>\n<h4 class=\"pt-cv-title\"><a href=\"https:\/\/www.dmsjuridica.com\/buscador_20179478954\/corteconstitucionalcronologico202454587\/t-1421-00\/\" class=\"_self\" target=\"_self\" >T-1421-00<\/a><\/h4>\n<div class=\"pt-cv-content\">\u00a0 \u00a0 Sentencia T-1421\/00 \u00a0 DERECHO A LA SALUD-Fundamental por conexidad con la vida \u00a0 TRABAJADOR DEPENDIENTE-Incumplimiento en pago de aportes en salud por empleador \u00a0 DERECHO A LA SEGURIDAD SOCIAL EN SALUD-Contenido constitucionalmente protegido \u00a0 TRABAJADOR DEPENDIENTE-Suspensi\u00f3n de afiliaci\u00f3n resulta desproporcionada debido al no pago de aportes en salud por empleador \u00a0 EMPLEADOR-Sanciones por no pago de aportes en seguridad social \u00a0 Referencia: expediente T- 335 028 \u00a0 Acci\u00f3n de tutela instaurada por Jhon Jairo Henao Hincapi\u00e9 contra el Seguro Social \u00a0y Hern\u00e1n Rayo R. \u00a0 Magistrado Ponente: \u00a0 Dr. FABIO MORON DIAZ \u00a0 Bogot\u00e1 D.C., \u00a0dieciocho (18) de ...<br \/><div class=\"pt-cv-rmwrap\"><a href=\"https:\/\/www.dmsjuridica.com\/buscador_20179478954\/corteconstitucionalcronologico202454587\/t-1421-00\/\" class=\"_self pt-cv-readmore btn btn-success\" target=\"_self\">Ver Sentencia Completa...<\/a><\/div><\/div><\/div><\/div>\n<div class=\"col-md-12 col-sm-12 col-xs-12 pt-cv-content-item pt-cv-1-col\" ><div class='pt-cv-ifield'><a href=\"https:\/\/www.dmsjuridica.com\/buscador_20179478954\/corteconstitucionalcronologico202454587\/t-1420-00\/\" class=\"_self pt-cv-href-thumbnail pt-cv-thumb-default\" target=\"_self\" ><\/a>\n<div class=\"pt-cv-taxoterm above_title\"><a href='https:\/\/www.dmsjuridica.com\/buscador_20179478954\/corteconstitucionalcronologico202454587\/category\/buscar-en-toda-la-corte\/2000\/tutelas-2000\/' title='Tutelas 2000' class='pt-cv-tax-tutelas-2000'>Tutelas 2000<\/a><\/div>\n<h4 class=\"pt-cv-title\"><a href=\"https:\/\/www.dmsjuridica.com\/buscador_20179478954\/corteconstitucionalcronologico202454587\/t-1420-00\/\" class=\"_self\" target=\"_self\" >T-1420-00<\/a><\/h4>\n<div class=\"pt-cv-content\">\u00a0 \u00a0 Sentencia T-1420\/00 \u00a0 DERECHO AL TRABAJO EN CONDICIONES DIGNAS Y JUSTAS-Pago oportuno de salarios \u00a0 DERECHO AL MINIMO VITAL DEL TRABAJADOR-Pago oportuno de salarios \u00a0 DERECHO AL PAGO OPORTUNO DEL SALARIO-Fundamental \u00a0 Referencia: expediente T- 330 239 \u00a0 Magistrado Ponente: \u00a0 Dr. FABIO MORON DIAZ \u00a0 Bogot\u00e1 D.C., octubre \u00a0dieciocho (18) de dos mil (2000). \u00a0 La Sala S\u00e9ptima de Revisi\u00f3n de la Corte Constitucional, en ejercicio de sus competencias constitucionales y legales, espec\u00edficamente las previstas en los art\u00edculos 86 y 241, numeral 9, de la Constituci\u00f3n Pol\u00edtica y en el Decreto 2591 de 1.991, ha proferido la ...<br \/><div class=\"pt-cv-rmwrap\"><a href=\"https:\/\/www.dmsjuridica.com\/buscador_20179478954\/corteconstitucionalcronologico202454587\/t-1420-00\/\" class=\"_self pt-cv-readmore btn btn-success\" target=\"_self\">Ver Sentencia Completa...<\/a><\/div><\/div><\/div><\/div>\n<div class=\"col-md-12 col-sm-12 col-xs-12 pt-cv-content-item pt-cv-1-col\" ><div class='pt-cv-ifield'><a href=\"https:\/\/www.dmsjuridica.com\/buscador_20179478954\/corteconstitucionalcronologico202454587\/t-142-00\/\" class=\"_self pt-cv-href-thumbnail pt-cv-thumb-default\" target=\"_self\" ><\/a>\n<div class=\"pt-cv-taxoterm above_title\"><a href='https:\/\/www.dmsjuridica.com\/buscador_20179478954\/corteconstitucionalcronologico202454587\/category\/buscar-en-toda-la-corte\/2000\/tutelas-2000\/' title='Tutelas 2000' class='pt-cv-tax-tutelas-2000'>Tutelas 2000<\/a><\/div>\n<h4 class=\"pt-cv-title\"><a href=\"https:\/\/www.dmsjuridica.com\/buscador_20179478954\/corteconstitucionalcronologico202454587\/t-142-00\/\" class=\"_self\" target=\"_self\" >T-142-00<\/a><\/h4>\n<div class=\"pt-cv-content\">\u00a0 \u00a0 Sentencia T-142\/00 \u00a0 SUPERINTENDENCIA DE SOCIEDADES-Decisiones jurisdiccionales en tr\u00e1mites concordatarios \u00a0 ACCION DE TUTELA CONTRA SUPERINTENDENCIA DE SOCIEDADES-Determinaci\u00f3n si conducta procesal es una v\u00eda de hecho \u00a0 VIA DE HECHO-Clases de defectos en la actuaci\u00f3n \u00a0 SUPERINTENDENCIA DE SOCIEDADES-Fracasado el acuerdo concordatario se impone apertura de fase liquidatoria\/PROCESO DE LIQUIDACION OBLIGATORIA-Inicio de tr\u00e1mite por fracaso de segunda audiencia debido a la falta de votos necesarios \u00a0 PROCEDIMIENTO CONCURSAL-Car\u00e1cter garantista respecto de derechos de trabajadores \u00a0 ACCION DE TUTELA-Improcedencia respecto a simple expectativa de sufrir agresi\u00f3n \u00a0 DERECHO AL TRABAJO-No implica vinculaci\u00f3n laboral concreta \u00a0 SUPERINTENDENCIA DE SOCIEDADES-Procedimiento a ...<br \/><div class=\"pt-cv-rmwrap\"><a href=\"https:\/\/www.dmsjuridica.com\/buscador_20179478954\/corteconstitucionalcronologico202454587\/t-142-00\/\" class=\"_self pt-cv-readmore btn btn-success\" target=\"_self\">Ver Sentencia Completa...<\/a><\/div><\/div><\/div><\/div>\n<div class=\"col-md-12 col-sm-12 col-xs-12 pt-cv-content-item pt-cv-1-col\" ><div class='pt-cv-ifield'><a href=\"https:\/\/www.dmsjuridica.com\/buscador_20179478954\/corteconstitucionalcronologico202454587\/t-1419-00\/\" class=\"_self pt-cv-href-thumbnail pt-cv-thumb-default\" target=\"_self\" ><\/a>\n<div class=\"pt-cv-taxoterm above_title\"><a href='https:\/\/www.dmsjuridica.com\/buscador_20179478954\/corteconstitucionalcronologico202454587\/category\/buscar-en-toda-la-corte\/2000\/tutelas-2000\/' title='Tutelas 2000' class='pt-cv-tax-tutelas-2000'>Tutelas 2000<\/a><\/div>\n<h4 class=\"pt-cv-title\"><a href=\"https:\/\/www.dmsjuridica.com\/buscador_20179478954\/corteconstitucionalcronologico202454587\/t-1419-00\/\" class=\"_self\" target=\"_self\" >T-1419-00<\/a><\/h4>\n<div class=\"pt-cv-content\">\u00a0 \u00a0 Sentencia T-1419\/00 \u00a0 DERECHO DE PETICION FRENTE AL SILENCIO ADMINISTRATIVO NEGATIVO-Deber de resolver la solicitud\/DERECHO DE PETICION EN VIA GUBERNATIVA-Protecci\u00f3n ante silencio administrativo \u00a0 Referencia: expediente T-331404 \u00a0 Acci\u00f3n de tutela interpuesta por Leoncio Garc\u00eda, contra el Instituto de los Seguros Sociales, Seccional Cali-Valle del Cauca. \u00a0 Magistrado Ponente: \u00a0 Dr. FABIO MORON DIAZ\u00a0 \u00a0 Bogot\u00e1, D.C., octubre dieciocho (18) del dos mil (2000). \u00a0 \u00a0 \u00a0 La Sala S\u00e9ptima de Revisi\u00f3n de Tutelas de la Corte Constitucional, integrada por los Magistrados CRISTINA PARDO SCHLESINGER (e), ALVARO TAFUR GALVIS y FABIO MORON DIAZ, en ejercicio de sus competencias ...<br \/><div class=\"pt-cv-rmwrap\"><a href=\"https:\/\/www.dmsjuridica.com\/buscador_20179478954\/corteconstitucionalcronologico202454587\/t-1419-00\/\" class=\"_self pt-cv-readmore btn btn-success\" target=\"_self\">Ver Sentencia Completa...<\/a><\/div><\/div><\/div><\/div>\n<div class=\"col-md-12 col-sm-12 col-xs-12 pt-cv-content-item pt-cv-1-col\" ><div class='pt-cv-ifield'><a href=\"https:\/\/www.dmsjuridica.com\/buscador_20179478954\/corteconstitucionalcronologico202454587\/t-1418-00\/\" class=\"_self pt-cv-href-thumbnail pt-cv-thumb-default\" target=\"_self\" ><\/a>\n<div class=\"pt-cv-taxoterm above_title\"><a href='https:\/\/www.dmsjuridica.com\/buscador_20179478954\/corteconstitucionalcronologico202454587\/category\/buscar-en-toda-la-corte\/2000\/tutelas-2000\/' title='Tutelas 2000' class='pt-cv-tax-tutelas-2000'>Tutelas 2000<\/a><\/div>\n<h4 class=\"pt-cv-title\"><a href=\"https:\/\/www.dmsjuridica.com\/buscador_20179478954\/corteconstitucionalcronologico202454587\/t-1418-00\/\" class=\"_self\" target=\"_self\" >T-1418-00<\/a><\/h4>\n<div class=\"pt-cv-content\">\u00a0 \u00a0 Sentencia T-1418\/00 \u00a0 DERECHO AL MINIMO VITAL-Alcance \u00a0 LICENCIA DE MATERNIDAD-Objeto \u00a0 MUJER EMBARAZADA-Protecci\u00f3n constitucional especial \u00a0 LICENCIA DE MATERNIDAD-Pago oportuno \u00a0 Referencia: expediente T-332158 \u00a0 Acci\u00f3n de tutela instaurada por MIREYA HERNANDEZ LINARES contra El Instituto de los Seguros Sociales, Seccional \u00a0Bucaramanga. \u00a0 Magistrado Ponente\u00a0: \u00a0 Dr. FABIO MORON DIAZ. \u00a0 La Sala S\u00e9ptima de Revisi\u00f3n de Tutelas de la Corte Constitucional, integrada por los Magistrados CRISTINA PARDO SCHLESINGER (e), ALVARO TAFUR GALVIS y FABIO MORON DIAZ, en ejercicio de sus competencias constitucionales y legales, ha proferido la siguiente \u00a0 SENTENCIA \u00a0 En el proceso de revisi\u00f3n ...<br \/><div class=\"pt-cv-rmwrap\"><a href=\"https:\/\/www.dmsjuridica.com\/buscador_20179478954\/corteconstitucionalcronologico202454587\/t-1418-00\/\" class=\"_self pt-cv-readmore btn btn-success\" target=\"_self\">Ver Sentencia Completa...<\/a><\/div><\/div><\/div><\/div>\n<div class=\"col-md-12 col-sm-12 col-xs-12 pt-cv-content-item pt-cv-1-col\" ><div class='pt-cv-ifield'><a href=\"https:\/\/www.dmsjuridica.com\/buscador_20179478954\/corteconstitucionalcronologico202454587\/t-1417-00\/\" class=\"_self pt-cv-href-thumbnail pt-cv-thumb-default\" target=\"_self\" ><\/a>\n<div class=\"pt-cv-taxoterm above_title\"><a href='https:\/\/www.dmsjuridica.com\/buscador_20179478954\/corteconstitucionalcronologico202454587\/category\/buscar-en-toda-la-corte\/2000\/tutelas-2000\/' title='Tutelas 2000' class='pt-cv-tax-tutelas-2000'>Tutelas 2000<\/a><\/div>\n<h4 class=\"pt-cv-title\"><a href=\"https:\/\/www.dmsjuridica.com\/buscador_20179478954\/corteconstitucionalcronologico202454587\/t-1417-00\/\" class=\"_self\" target=\"_self\" >T-1417-00<\/a><\/h4>\n<div class=\"pt-cv-content\">\u00a0 \u00a0 Sentencia T-1417\/00 \u00a0 DERECHO A LA SEGURIDAD SOCIAL-Fundamental por conexidad\u00a0 \u00a0 DERECHO AL MINIMO VITAL DEL PENSIONADO-Presunci\u00f3n de afectaci\u00f3n por no pago oportuno de mesadas \u00a0 Referencia: expedientes T-341319, T-341690, T-348076, T-348179 y T-348183 (acumulados). \u00a0 Peticionarios: \u00a0 Nelly Galindo De Becerra \u00a0 Rosa Ines Lopez De Rodriguez \u00a0 Luc\u00eda Rodr\u00edguez De Vargas \u00a0 Mar\u00eda Adiela Le\u00f3n De Saenz Y \u00a0 Publio Roa Baron. \u00a0 Departamento de Boyac\u00e1 y Otros \u00a0 Magistrado Ponente: \u00a0 Dr. FABIO MORON DIAZ\u00a0 \u00a0 Bogot\u00e1, D.C., octubre diecinueve (19) del dos mil (2000) \u00a0 La Sala S\u00e9ptima de Revisi\u00f3n de Tutelas de la ...<br \/><div class=\"pt-cv-rmwrap\"><a href=\"https:\/\/www.dmsjuridica.com\/buscador_20179478954\/corteconstitucionalcronologico202454587\/t-1417-00\/\" class=\"_self pt-cv-readmore btn btn-success\" target=\"_self\">Ver Sentencia Completa...<\/a><\/div><\/div><\/div><\/div>\n<div class=\"col-md-12 col-sm-12 col-xs-12 pt-cv-content-item pt-cv-1-col\" ><div class='pt-cv-ifield'><a href=\"https:\/\/www.dmsjuridica.com\/buscador_20179478954\/corteconstitucionalcronologico202454587\/t-1416-00\/\" class=\"_self pt-cv-href-thumbnail pt-cv-thumb-default\" target=\"_self\" ><\/a>\n<div class=\"pt-cv-taxoterm above_title\"><a href='https:\/\/www.dmsjuridica.com\/buscador_20179478954\/corteconstitucionalcronologico202454587\/category\/buscar-en-toda-la-corte\/2000\/tutelas-2000\/' title='Tutelas 2000' class='pt-cv-tax-tutelas-2000'>Tutelas 2000<\/a><\/div>\n<h4 class=\"pt-cv-title\"><a href=\"https:\/\/www.dmsjuridica.com\/buscador_20179478954\/corteconstitucionalcronologico202454587\/t-1416-00\/\" class=\"_self\" target=\"_self\" >T-1416-00<\/a><\/h4>\n<div class=\"pt-cv-content\">\u00a0 \u00a0 Sentencia T-1416\/00 \u00a0 DERECHO AL MINIMO VITAL DEL TRABAJADOR-No afectaci\u00f3n por no pago de primas complementarias de salario a educadores \u00a0 Referencia: expedientes T-347717, T-347726, T-348959, T-348968, T-352166, T-353624 y T-353739 (Acumulados). \u00a0 Actores: \u00a0 Oscar Hern\u00e1n Monsalve Mesa \u00a0 Luis Argiro Giraldo Casta\u00f1o \u00a0 Ana Luc\u00eda Torres Guisao \u00a0 Abel Casas C\u00f3rdoba \u00a0 Hector Ivan Restrepo Betancur \u00a0 Maria Elena Botero Giraldo \u00a0 Sonia Lucia Uribe Ortiz \u00a0 Magistrado Ponente: \u00a0 Dr. FABIO MORON DIAZ\u00a0 \u00a0 Bogot\u00e1, D.C., octubre diecinueve (19) del dos mil (2000) \u00a0 La Sala S\u00e9ptima de Revisi\u00f3n de Tutelas de la Corte Constitucional, ...<br \/><div class=\"pt-cv-rmwrap\"><a href=\"https:\/\/www.dmsjuridica.com\/buscador_20179478954\/corteconstitucionalcronologico202454587\/t-1416-00\/\" class=\"_self pt-cv-readmore btn btn-success\" target=\"_self\">Ver Sentencia Completa...<\/a><\/div><\/div><\/div><\/div>\n<div class=\"col-md-12 col-sm-12 col-xs-12 pt-cv-content-item pt-cv-1-col\" ><div class='pt-cv-ifield'><a href=\"https:\/\/www.dmsjuridica.com\/buscador_20179478954\/corteconstitucionalcronologico202454587\/t-1415-00\/\" class=\"_self pt-cv-href-thumbnail pt-cv-thumb-default\" target=\"_self\" ><\/a>\n<div class=\"pt-cv-taxoterm above_title\"><a href='https:\/\/www.dmsjuridica.com\/buscador_20179478954\/corteconstitucionalcronologico202454587\/category\/buscar-en-toda-la-corte\/2000\/tutelas-2000\/' title='Tutelas 2000' class='pt-cv-tax-tutelas-2000'>Tutelas 2000<\/a><\/div>\n<h4 class=\"pt-cv-title\"><a href=\"https:\/\/www.dmsjuridica.com\/buscador_20179478954\/corteconstitucionalcronologico202454587\/t-1415-00\/\" class=\"_self\" target=\"_self\" >T-1415-00<\/a><\/h4>\n<div class=\"pt-cv-content\">\u00a0 \u00a0 Sentencia T-1415\/00 \u00a0 ACCION DE TUTELA-Procedencia excepcional pago de acreencias laborales \u00a0 EMPLEADOR-Situaci\u00f3n econ\u00f3mica o presupuestal no es \u00f3bice para desconocer pago de salarios \u00a0 Reiteraci\u00f3n de Jurisprudencia \u00a0 Referencia: expediente T-327 966. \u00a0 Acci\u00f3n de tutela instaurada por Anicia Lung de Arrieta contra EL Departamento De San Andres, Providencia Y Santa Catalina Islas. \u00a0 Magistrado Ponente: \u00a0 Dr. FABIO MORON DIAZ\u00a0 \u00a0 Aprobada en Bogot\u00e1 D.C., a los diecinueve (19) d\u00edas del mes octubre de dos mil (2000). \u00a0 La Sala S\u00e9ptima de Revisi\u00f3n de la Corte Constitucional, en ejercicio de sus competencias constitucionales y legales, espec\u00edficamente ...<br \/><div class=\"pt-cv-rmwrap\"><a href=\"https:\/\/www.dmsjuridica.com\/buscador_20179478954\/corteconstitucionalcronologico202454587\/t-1415-00\/\" class=\"_self pt-cv-readmore btn btn-success\" target=\"_self\">Ver Sentencia Completa...<\/a><\/div><\/div><\/div><\/div>\n<div class=\"col-md-12 col-sm-12 col-xs-12 pt-cv-content-item pt-cv-1-col\" ><div class='pt-cv-ifield'><a href=\"https:\/\/www.dmsjuridica.com\/buscador_20179478954\/corteconstitucionalcronologico202454587\/t-141-00\/\" class=\"_self pt-cv-href-thumbnail pt-cv-thumb-default\" target=\"_self\" ><\/a>\n<div class=\"pt-cv-taxoterm above_title\"><a href='https:\/\/www.dmsjuridica.com\/buscador_20179478954\/corteconstitucionalcronologico202454587\/category\/buscar-en-toda-la-corte\/2000\/tutelas-2000\/' title='Tutelas 2000' class='pt-cv-tax-tutelas-2000'>Tutelas 2000<\/a><\/div>\n<h4 class=\"pt-cv-title\"><a href=\"https:\/\/www.dmsjuridica.com\/buscador_20179478954\/corteconstitucionalcronologico202454587\/t-141-00\/\" class=\"_self\" target=\"_self\" >T-141-00<\/a><\/h4>\n<div class=\"pt-cv-content\">\u00a0 \u00a0 Sentencia T-141\/00 \u00a0 CONSEJO VERBAL DE GUERRA-Sentencias no son intangibles \u00a0 Las apreciaciones de la Corte Constitucional sobre la intangibilidad se refer\u00edan \u00fanica y exclusivamente a los juicios con intervenci\u00f3n de jurado ( en la justicia penal militar: Consejos Verbales de Guerra), luego, cuando se trata de un Consejo de Guerra sin vocales, \u00e9ste finaliza con sentencia (art\u00edculo 692 C.P.M. vigente para la \u00e9poca) que necesariamente es consultable seg\u00fan dec\u00eda el art\u00edculo 434 ib\u00eddem: \u201cLa consulta procede en las siguientes providencias: \u00a01. Sentencias de primera instancia\u201d. En consecuencia la intangibilidad no se predica respecto de la sentencia en ...<br \/><div class=\"pt-cv-rmwrap\"><a href=\"https:\/\/www.dmsjuridica.com\/buscador_20179478954\/corteconstitucionalcronologico202454587\/t-141-00\/\" class=\"_self pt-cv-readmore btn btn-success\" target=\"_self\">Ver Sentencia Completa...<\/a><\/div><\/div><\/div><\/div>\n<div class=\"col-md-12 col-sm-12 col-xs-12 pt-cv-content-item pt-cv-1-col\" ><div class='pt-cv-ifield'><a href=\"https:\/\/www.dmsjuridica.com\/buscador_20179478954\/corteconstitucionalcronologico202454587\/t-1402-00\/\" class=\"_self pt-cv-href-thumbnail pt-cv-thumb-default\" target=\"_self\" ><\/a>\n<div class=\"pt-cv-taxoterm above_title\"><a href='https:\/\/www.dmsjuridica.com\/buscador_20179478954\/corteconstitucionalcronologico202454587\/category\/buscar-en-toda-la-corte\/2000\/tutelas-2000\/' title='Tutelas 2000' class='pt-cv-tax-tutelas-2000'>Tutelas 2000<\/a><\/div>\n<h4 class=\"pt-cv-title\"><a href=\"https:\/\/www.dmsjuridica.com\/buscador_20179478954\/corteconstitucionalcronologico202454587\/t-1402-00\/\" class=\"_self\" target=\"_self\" >T-1402-00<\/a><\/h4>\n<div class=\"pt-cv-content\">\u00a0 \u00a0 Sentencia T-1402\/00 \u00a0 EMPLEADOR-Falta de presupuesto o insolvencia para pago oportuno de salarios no es raz\u00f3n suficiente \u00a0 DERECHO AL MINIMO VITAL DEL TRABAJADOR-Pago oportuno de salarios \u00a0 DERECHO AL TRABAJO EN CONDICIONES DIGNAS Y JUSTAS-Pago oportuno de salarios \u00a0 Referencia: expediente T-365292 \u00a0 Peticionario: Gerardo Arturo Mart\u00ednez Rold\u00e1n \u00a0 Magistrado Ponente:\u00a0 \u00a0 Dr. ALFREDO BELTR\u00c1N SIERRA. \u00a0 Bogot\u00e1, D.C., diecinueve (19) de octubre de dos mil (2000). \u00a0 La Sala Segunda de Revisi\u00f3n de la Corte Constitucional, integrada por los magistrados, Alfredo Beltr\u00e1n Sierra, Carlos Gaviria D\u00edaz y Martha S\u00e1chica de Moncaleano (e), en ejercicio de sus ...<br \/><div class=\"pt-cv-rmwrap\"><a href=\"https:\/\/www.dmsjuridica.com\/buscador_20179478954\/corteconstitucionalcronologico202454587\/t-1402-00\/\" class=\"_self pt-cv-readmore btn btn-success\" target=\"_self\">Ver Sentencia Completa...<\/a><\/div><\/div><\/div><\/div>\n<div class=\"col-md-12 col-sm-12 col-xs-12 pt-cv-content-item pt-cv-1-col\" ><div class='pt-cv-ifield'><a href=\"https:\/\/www.dmsjuridica.com\/buscador_20179478954\/corteconstitucionalcronologico202454587\/t-1401-00\/\" class=\"_self pt-cv-href-thumbnail pt-cv-thumb-default\" target=\"_self\" ><\/a>\n<div class=\"pt-cv-taxoterm above_title\"><a href='https:\/\/www.dmsjuridica.com\/buscador_20179478954\/corteconstitucionalcronologico202454587\/category\/buscar-en-toda-la-corte\/2000\/tutelas-2000\/' title='Tutelas 2000' class='pt-cv-tax-tutelas-2000'>Tutelas 2000<\/a><\/div>\n<h4 class=\"pt-cv-title\"><a href=\"https:\/\/www.dmsjuridica.com\/buscador_20179478954\/corteconstitucionalcronologico202454587\/t-1401-00\/\" class=\"_self\" target=\"_self\" >T-1401-00<\/a><\/h4>\n<div class=\"pt-cv-content\">\u00a0 \u00a0 Sentencia T-1401\/00 \u00a0 SENTENCIA DE REVISION DE TUTELA-Fallecimiento de actor no exime pronunciamiento de fondo \u00a0 ENFERMEDADES CATASTROFICAS O RUINOSAS-Tratamiento de persona de escasos recursos sin cumplir periodo m\u00ednimo de cotizaci\u00f3n \u00a0 ENTIDADES PRESTADORAS DEL SERVICIO DE SALUD-Adopci\u00f3n de medidas para que procedimientos legales no entorpezcan prestaci\u00f3n del servicio \u00a0 ENTIDAD PROMOTORA DE SALUD-Repetici\u00f3n contra el FOSYGA \u00a0 Referencia: expediente T-364561 \u00a0 Actora :Mar\u00eda Elvira Pab\u00f3n en contra de Entidad Promotora de Salud Humana Vivir y\/o Servim\u00e9dicos IPS \u00a0 Procedencia: Tribunal Superior del Distrito Judicial de Villavicencio, Sala de Familia. \u00a0 Magistrado Ponente:\u00a0 \u00a0 Dr. ALFREDO BELTR\u00c1N SIERRA ...<br \/><div class=\"pt-cv-rmwrap\"><a href=\"https:\/\/www.dmsjuridica.com\/buscador_20179478954\/corteconstitucionalcronologico202454587\/t-1401-00\/\" class=\"_self pt-cv-readmore btn btn-success\" target=\"_self\">Ver Sentencia Completa...<\/a><\/div><\/div><\/div><\/div>\n<div class=\"col-md-12 col-sm-12 col-xs-12 pt-cv-content-item pt-cv-1-col\" ><div class='pt-cv-ifield'><a href=\"https:\/\/www.dmsjuridica.com\/buscador_20179478954\/corteconstitucionalcronologico202454587\/t-1400-00\/\" class=\"_self pt-cv-href-thumbnail pt-cv-thumb-default\" target=\"_self\" ><\/a>\n<div class=\"pt-cv-taxoterm above_title\"><a href='https:\/\/www.dmsjuridica.com\/buscador_20179478954\/corteconstitucionalcronologico202454587\/category\/buscar-en-toda-la-corte\/2000\/tutelas-2000\/' title='Tutelas 2000' class='pt-cv-tax-tutelas-2000'>Tutelas 2000<\/a><\/div>\n<h4 class=\"pt-cv-title\"><a href=\"https:\/\/www.dmsjuridica.com\/buscador_20179478954\/corteconstitucionalcronologico202454587\/t-1400-00\/\" class=\"_self\" target=\"_self\" >T-1400-00<\/a><\/h4>\n<div class=\"pt-cv-content\">\u00a0 \u00a0 Sentencia T-1400\/00 \u00a0 DERECHOS DEL NI\u00d1O A TENER UNA FAMILA-Alcance \u00a0 INTERES SUPERIOR DEL MENOR-Alcance \u00a0 DECLARATORIA DE ABANDONO-Juicio valorativo, objetivo y razonable\/MEDIO DE DEFENSA JUDICIAL-Recurso de revisi\u00f3n contra sentencia de adopci\u00f3n \u00a0 Referencia: expediente T-354854 \u00a0 Peticionarios: Angel Gabriel Guaitero Guaitero y Gloria Cristina Quijano \u00a0 Magistrado Ponente:\u00a0 \u00a0 Dr. ALFREDO BELTR\u00c1N SIERRA. \u00a0 Bogot\u00e1, D.C., diecinueve (19) de octubre de dos mil (2000). \u00a0 La Sala Segunda de Revisi\u00f3n de la Corte Constitucional, integrada por los magistrados, Alfredo Beltr\u00e1n Sierra, Carlos Gaviria D\u00edaz y Martha S\u00e1chica de Moncaleano (e), en ejercicio de sus competencias constitucionales y ...<br \/><div class=\"pt-cv-rmwrap\"><a href=\"https:\/\/www.dmsjuridica.com\/buscador_20179478954\/corteconstitucionalcronologico202454587\/t-1400-00\/\" class=\"_self pt-cv-readmore btn btn-success\" target=\"_self\">Ver Sentencia Completa...<\/a><\/div><\/div><\/div><\/div>\n<div class=\"col-md-12 col-sm-12 col-xs-12 pt-cv-content-item pt-cv-1-col\" ><div class='pt-cv-ifield'><a href=\"https:\/\/www.dmsjuridica.com\/buscador_20179478954\/corteconstitucionalcronologico202454587\/t-140-00\/\" class=\"_self pt-cv-href-thumbnail pt-cv-thumb-default\" target=\"_self\" ><\/a>\n<div class=\"pt-cv-taxoterm above_title\"><a href='https:\/\/www.dmsjuridica.com\/buscador_20179478954\/corteconstitucionalcronologico202454587\/category\/buscar-en-toda-la-corte\/2000\/tutelas-2000\/' title='Tutelas 2000' class='pt-cv-tax-tutelas-2000'>Tutelas 2000<\/a><\/div>\n<h4 class=\"pt-cv-title\"><a href=\"https:\/\/www.dmsjuridica.com\/buscador_20179478954\/corteconstitucionalcronologico202454587\/t-140-00\/\" class=\"_self\" target=\"_self\" >T-140-00<\/a><\/h4>\n<div class=\"pt-cv-content\">\u00a0 \u00a0 Sentencia T-140\/00 \u00a0 ACCION DE TUTELA-Procedencia excepcional pago de acreencias laborales \u00a0 Referencia: expedientes T-224.092, T-224.739, T-226.241, T-226.274 y T-227.553 (acumulados) \u00a0 Acci\u00f3n de tutela instaurada por Daniela Pacheco Murillo y otros. \u00a0 Magistrado Ponente:\u00a0 \u00a0 Dr. ALEJANDRO MART\u00cdNEZ CABALLERO \u00a0 Santa Fe de Bogot\u00e1, diez y siete (17) de febrero de dos mil (2000) \u00a0 La Sala Sexta de Revisi\u00f3n de la Corte Constitucional, integrada por los Magistrados Alejandro Mart\u00ednez Caballero, Fabio Mor\u00f3n D\u00edaz y Vladimiro Naranjo Mesa, en ejercicio de sus competencias constitucionales y legales, ha proferido la siguiente \u00a0 \u00a0 \u00a0 SENTENCIA \u00a0 en el ...<br \/><div class=\"pt-cv-rmwrap\"><a href=\"https:\/\/www.dmsjuridica.com\/buscador_20179478954\/corteconstitucionalcronologico202454587\/t-140-00\/\" class=\"_self pt-cv-readmore btn btn-success\" target=\"_self\">Ver Sentencia Completa...<\/a><\/div><\/div><\/div><\/div>\n<div class=\"col-md-12 col-sm-12 col-xs-12 pt-cv-content-item pt-cv-1-col\" ><div class='pt-cv-ifield'><a href=\"https:\/\/www.dmsjuridica.com\/buscador_20179478954\/corteconstitucionalcronologico202454587\/t-1399-00\/\" class=\"_self pt-cv-href-thumbnail pt-cv-thumb-default\" target=\"_self\" ><\/a>\n<div class=\"pt-cv-taxoterm above_title\"><a href='https:\/\/www.dmsjuridica.com\/buscador_20179478954\/corteconstitucionalcronologico202454587\/category\/buscar-en-toda-la-corte\/2000\/tutelas-2000\/' title='Tutelas 2000' class='pt-cv-tax-tutelas-2000'>Tutelas 2000<\/a><\/div>\n<h4 class=\"pt-cv-title\"><a href=\"https:\/\/www.dmsjuridica.com\/buscador_20179478954\/corteconstitucionalcronologico202454587\/t-1399-00\/\" class=\"_self\" target=\"_self\" >T-1399-00<\/a><\/h4>\n<div class=\"pt-cv-content\">\u00a0 \u00a0 Sentencia T-1399\/00 \u00a0 INTERES SUPERIOR DEL MENOR-Protecci\u00f3n \u00a0 INSTITUTO COLOMBIANO DE BIENESTAR FAMILIAR-Decisi\u00f3n provisional sobre quien debe velar por cuidado del menor \u00a0 En este caso, por razones de naturaleza constitucional y de tratados internacionales que obligan al Estado Colombiano, la decisi\u00f3n provisional sobre qui\u00e9n debe velar por el cuidado del ni\u00f1o, recae en el Instituto de Bienestar Familiar, decisi\u00f3n que para ser definitiva est\u00e1 sujeta a la homologaci\u00f3n judicial. Es decir, que quien califica las condiciones afectivas, econ\u00f3micas, morales, de cuidado, etc. que debe reunir quien tenga a su cuidado al ni\u00f1o, es el Estado y no ...<br \/><div class=\"pt-cv-rmwrap\"><a href=\"https:\/\/www.dmsjuridica.com\/buscador_20179478954\/corteconstitucionalcronologico202454587\/t-1399-00\/\" class=\"_self pt-cv-readmore btn btn-success\" target=\"_self\">Ver Sentencia Completa...<\/a><\/div><\/div><\/div><\/div>\n<div class=\"col-md-12 col-sm-12 col-xs-12 pt-cv-content-item pt-cv-1-col\" ><div class='pt-cv-ifield'><a href=\"https:\/\/www.dmsjuridica.com\/buscador_20179478954\/corteconstitucionalcronologico202454587\/t-1396-00\/\" class=\"_self pt-cv-href-thumbnail pt-cv-thumb-default\" target=\"_self\" ><\/a>\n<div class=\"pt-cv-taxoterm above_title\"><a href='https:\/\/www.dmsjuridica.com\/buscador_20179478954\/corteconstitucionalcronologico202454587\/category\/buscar-en-toda-la-corte\/2000\/tutelas-2000\/' title='Tutelas 2000' class='pt-cv-tax-tutelas-2000'>Tutelas 2000<\/a><\/div>\n<h4 class=\"pt-cv-title\"><a href=\"https:\/\/www.dmsjuridica.com\/buscador_20179478954\/corteconstitucionalcronologico202454587\/t-1396-00\/\" class=\"_self\" target=\"_self\" >T-1396-00<\/a><\/h4>\n<div class=\"pt-cv-content\">\u00a0 \u00a0 Expediente T-259971 \u00a0 Sentencia T-1396\/00 \u00a0 ACCION DE TUTELA-Subsidiariedad\/ACCION DE TUTELA-Procedencia excepcional cuando exista mecanismo de defensa \u00a0 MEDIO DE DEFENSA JUDICIAL INEFICAZ-Integraci\u00f3n lista de elegibles \u00a0 SISTEMA DE CARRERA-Nombramiento atendiendo lista de elegibles \u00a0 ACCION DE TUTELA-T\u00e9rmino de presentaci\u00f3n\/ACCION DE TUTELA-Razonabilidad en presentaci\u00f3n y derechos fundamentales de terceros afectados \u00a0 Reiteracion de Jurisprudencia \u00a0 Referencia: expediente: T-259971 \u00a0 Acci\u00f3n de tutela instaurada por Luis Gerardo Rodr\u00edguez Herrera contra la Secretaria de Educaci\u00f3n Distrital. \u00a0 Magistrado Ponente: \u00a0 Dr. ANTONIO BARRERA CARBONELL \u00a0 Bogot\u00e1, D.C., octubre dieciocho (18) de dos mil (2000). \u00a0 La Sala Primera de Revisi\u00f3n ...<br \/><div class=\"pt-cv-rmwrap\"><a href=\"https:\/\/www.dmsjuridica.com\/buscador_20179478954\/corteconstitucionalcronologico202454587\/t-1396-00\/\" class=\"_self pt-cv-readmore btn btn-success\" target=\"_self\">Ver Sentencia Completa...<\/a><\/div><\/div><\/div><\/div>\n<div class=\"col-md-12 col-sm-12 col-xs-12 pt-cv-content-item pt-cv-1-col\" ><div class='pt-cv-ifield'><a href=\"https:\/\/www.dmsjuridica.com\/buscador_20179478954\/corteconstitucionalcronologico202454587\/t-1395-00\/\" class=\"_self pt-cv-href-thumbnail pt-cv-thumb-default\" target=\"_self\" ><\/a>\n<div class=\"pt-cv-taxoterm above_title\"><a href='https:\/\/www.dmsjuridica.com\/buscador_20179478954\/corteconstitucionalcronologico202454587\/category\/buscar-en-toda-la-corte\/2000\/tutelas-2000\/' title='Tutelas 2000' class='pt-cv-tax-tutelas-2000'>Tutelas 2000<\/a><\/div>\n<h4 class=\"pt-cv-title\"><a href=\"https:\/\/www.dmsjuridica.com\/buscador_20179478954\/corteconstitucionalcronologico202454587\/t-1395-00\/\" class=\"_self\" target=\"_self\" >T-1395-00<\/a><\/h4>\n<div class=\"pt-cv-content\">\u00a0 \u00a0 Sentencia T-1395\/00 \u00a0 PROCESO JUDICIAL-Estructura probatoria \u00a0 PRUEBA-Autoridad no est\u00e1 obligada a decretar y practicar todas las solicitadas\/PRUEBA-Determinaci\u00f3n de no acceder a ellas debe producirse antes de la decisi\u00f3n \u00a0 La autoridad titular de la competencia no necesariamente esta obligada a decretar y a practicar todas las pruebas solicitadas, sino las que sean pertinentes y conducentes para garantizar el derecho de defensa y el logro de la finalidad perseguida con la actuaci\u00f3n administrativa. Por lo tanto, podr\u00e1 negar la pr\u00e1ctica de pruebas, cuando ellas carezcan de la aptitud o de la utilidad necesarias para que puedan servir de ...<br \/><div class=\"pt-cv-rmwrap\"><a href=\"https:\/\/www.dmsjuridica.com\/buscador_20179478954\/corteconstitucionalcronologico202454587\/t-1395-00\/\" class=\"_self pt-cv-readmore btn btn-success\" target=\"_self\">Ver Sentencia Completa...<\/a><\/div><\/div><\/div><\/div>\n<div class=\"col-md-12 col-sm-12 col-xs-12 pt-cv-content-item pt-cv-1-col\" ><div class='pt-cv-ifield'><a href=\"https:\/\/www.dmsjuridica.com\/buscador_20179478954\/corteconstitucionalcronologico202454587\/t-1394-00\/\" class=\"_self pt-cv-href-thumbnail pt-cv-thumb-default\" target=\"_self\" ><\/a>\n<div class=\"pt-cv-taxoterm above_title\"><a href='https:\/\/www.dmsjuridica.com\/buscador_20179478954\/corteconstitucionalcronologico202454587\/category\/buscar-en-toda-la-corte\/2000\/tutelas-2000\/' title='Tutelas 2000' class='pt-cv-tax-tutelas-2000'>Tutelas 2000<\/a><\/div>\n<h4 class=\"pt-cv-title\"><a href=\"https:\/\/www.dmsjuridica.com\/buscador_20179478954\/corteconstitucionalcronologico202454587\/t-1394-00\/\" class=\"_self\" target=\"_self\" >T-1394-00<\/a><\/h4>\n<div class=\"pt-cv-content\">\u00a0 \u00a0 Sentencia T-1394\/00 \u00a0 ACCION DE TUTELA-Procedencia excepcional pago de acreencias laborales \u00a0 DERECHO AL PAGO OPORTUNO DEL SALARIO-Fundamental \u00a0 DERECHO AL MINIMO VITAL-Alcance \u00a0 DERECHO AL MINIMO VITAL DEL TRABAJADOR-Presunci\u00f3n de afectaci\u00f3n por ausencia prolongada en pago de salarios \u00a0 EMPLEADOR-Situaci\u00f3n econ\u00f3mica o presupuestal no es \u00f3bice para desconocer pago de salarios \u00a0 EMPLEADOR-Asunci\u00f3n de responsabilidad por mora en aportes en salud \u00a0 Referencia: expediente T-327812 \u00a0 Acci\u00f3n de tutela instaurada Yulieth Marina Bravo Castillo contra el Municipio de Santiago de Tol\u00fa. \u00a0 Magistrado Ponente\u00a0: \u00a0 Dr. FABIO MORON DIAZ. \u00a0 Bogot\u00e1, D.C., octubre once (11) del dos ...<br \/><div class=\"pt-cv-rmwrap\"><a href=\"https:\/\/www.dmsjuridica.com\/buscador_20179478954\/corteconstitucionalcronologico202454587\/t-1394-00\/\" class=\"_self pt-cv-readmore btn btn-success\" target=\"_self\">Ver Sentencia Completa...<\/a><\/div><\/div><\/div><\/div>\n<div class=\"col-md-12 col-sm-12 col-xs-12 pt-cv-content-item pt-cv-1-col\" ><div class='pt-cv-ifield'><a href=\"https:\/\/www.dmsjuridica.com\/buscador_20179478954\/corteconstitucionalcronologico202454587\/t-1393-00\/\" class=\"_self pt-cv-href-thumbnail pt-cv-thumb-default\" target=\"_self\" ><\/a>\n<div class=\"pt-cv-taxoterm above_title\"><a href='https:\/\/www.dmsjuridica.com\/buscador_20179478954\/corteconstitucionalcronologico202454587\/category\/buscar-en-toda-la-corte\/2000\/tutelas-2000\/' title='Tutelas 2000' class='pt-cv-tax-tutelas-2000'>Tutelas 2000<\/a><\/div>\n<h4 class=\"pt-cv-title\"><a href=\"https:\/\/www.dmsjuridica.com\/buscador_20179478954\/corteconstitucionalcronologico202454587\/t-1393-00\/\" class=\"_self\" target=\"_self\" >T-1393-00<\/a><\/h4>\n<div class=\"pt-cv-content\">\u00a0 \u00a0 Sentencia T-1393\/00 \u00a0 DERECHO AL PAGO OPORTUNO DEL SALARIO-Fundamental \u00a0 EMPLEADOR-Situaci\u00f3n econ\u00f3mica o presupuestal no es \u00f3bice para desconocer obligaciones laborales \u00a0 - Reiteraci\u00f3n de Jurisprudencia - \u00a0 Referencia: expediente T-333933 \u00a0 Acci\u00f3n de tutela interpuesta por \u00a0Hernan Tamayo Candado, contra Hospital San Vicente de Paul. \u00a0 \u00a0 Magistrado Ponente: \u00a0 Dr. FABIO MORON DIAZ\u00a0 \u00a0 Bogot\u00e1, D.C., once (11) de octubre del dos mil (2000). \u00a0 La Sala S\u00e9ptima de Revisi\u00f3n de Tutelas de la Corte Constitucional, integrada por los Magistrados CRISTINA PARDO SCHLESINGER (e), ALVARO TAFUR GALVIS y FABIO MORON DIAZ, en ejercicio de sus competencias ...<br \/><div class=\"pt-cv-rmwrap\"><a href=\"https:\/\/www.dmsjuridica.com\/buscador_20179478954\/corteconstitucionalcronologico202454587\/t-1393-00\/\" class=\"_self pt-cv-readmore btn btn-success\" target=\"_self\">Ver Sentencia Completa...<\/a><\/div><\/div><\/div><\/div>\n<div class=\"col-md-12 col-sm-12 col-xs-12 pt-cv-content-item pt-cv-1-col\" ><div class='pt-cv-ifield'><a href=\"https:\/\/www.dmsjuridica.com\/buscador_20179478954\/corteconstitucionalcronologico202454587\/t-1392-00\/\" class=\"_self pt-cv-href-thumbnail pt-cv-thumb-default\" target=\"_self\" ><\/a>\n<div class=\"pt-cv-taxoterm above_title\"><a href='https:\/\/www.dmsjuridica.com\/buscador_20179478954\/corteconstitucionalcronologico202454587\/category\/buscar-en-toda-la-corte\/2000\/tutelas-2000\/' title='Tutelas 2000' class='pt-cv-tax-tutelas-2000'>Tutelas 2000<\/a><\/div>\n<h4 class=\"pt-cv-title\"><a href=\"https:\/\/www.dmsjuridica.com\/buscador_20179478954\/corteconstitucionalcronologico202454587\/t-1392-00\/\" class=\"_self\" target=\"_self\" >T-1392-00<\/a><\/h4>\n<div class=\"pt-cv-content\">\u00a0 \u00a0 Sentencia T-1392\/00 \u00a0 MUJER TRABAJADORA EMBARAZADA-Protecci\u00f3n laboral \u00a0 DESPIDO DE MUJER EMBARAZADA SIN AUTORIZACION PREVIA-Ineficacia \u00a0 DERECHO A LA ESTABILIDAD LABORAL REFORZADA DE MUJER EMBARAZADA-Car\u00e1cter fundamental \u00a0 Referencia: expediente T-339546 \u00a0 Acci\u00f3n de Tutela instaurada por Libia Restrepo Casta\u00f1o contra la Empresa de Servicios Temporales T&amp;S Temporales Y Systempora Ltda. \u00a0 Magistrado Ponente: \u00a0 Dr. FABIO MORON DIAZ\u00a0 \u00a0 Bogot\u00e1, D.C., octubre once (11) del a\u00f1o dos mil (2000) \u00a0\u00a0 \u00a0 La Sala S\u00e9ptima de Revisi\u00f3n de Tutelas de la Corte Constitucional, integrada por los Magistrados CRISTINA PARDO SCHLESINGER (e), ALVARO TAFUR GALVIS y FABIO MORON DIAZ, en ...<br \/><div class=\"pt-cv-rmwrap\"><a href=\"https:\/\/www.dmsjuridica.com\/buscador_20179478954\/corteconstitucionalcronologico202454587\/t-1392-00\/\" class=\"_self pt-cv-readmore btn btn-success\" target=\"_self\">Ver Sentencia Completa...<\/a><\/div><\/div><\/div><\/div>\n<div class=\"col-md-12 col-sm-12 col-xs-12 pt-cv-content-item pt-cv-1-col\" ><div class='pt-cv-ifield'><a href=\"https:\/\/www.dmsjuridica.com\/buscador_20179478954\/corteconstitucionalcronologico202454587\/t-1391-00\/\" class=\"_self pt-cv-href-thumbnail pt-cv-thumb-default\" target=\"_self\" ><\/a>\n<div class=\"pt-cv-taxoterm above_title\"><a href='https:\/\/www.dmsjuridica.com\/buscador_20179478954\/corteconstitucionalcronologico202454587\/category\/buscar-en-toda-la-corte\/2000\/tutelas-2000\/' title='Tutelas 2000' class='pt-cv-tax-tutelas-2000'>Tutelas 2000<\/a><\/div>\n<h4 class=\"pt-cv-title\"><a href=\"https:\/\/www.dmsjuridica.com\/buscador_20179478954\/corteconstitucionalcronologico202454587\/t-1391-00\/\" class=\"_self\" target=\"_self\" >T-1391-00<\/a><\/h4>\n<div class=\"pt-cv-content\">\u00a0 \u00a0 Sentencia T-1391\/00 \u00a0 ACCION DE TUTELA-Hecho superado por pago de acreencias laborales \u00a0 Referencia: expediente T-327805 \u00a0 Acci\u00f3n de tutela interpuesta por Avimilda Sarmiento Julio, contra el Hospital General De Barranquilla. \u00a0 Dr. FABIO MORON DIAZ\u00a0 \u00a0 Bogot\u00e1, D.C., octubre once (11) del dos mil (2000) \u00a0\u00a0 \u00a0 La Sala S\u00e9ptima de Revisi\u00f3n de Tutelas de la Corte Constitucional, integrada por los Magistrados CRISTINA PARDO SCHLESINGER (e), ALVARO TAFUR GALVIS y FABIO MORON DIAZ, en ejercicio de sus competencias constitucionales y legales, ha proferido la siguiente \u00a0 SENTENCIA \u00a0 en el proceso de revisi\u00f3n del fallo adoptado por ...<br \/><div class=\"pt-cv-rmwrap\"><a href=\"https:\/\/www.dmsjuridica.com\/buscador_20179478954\/corteconstitucionalcronologico202454587\/t-1391-00\/\" class=\"_self pt-cv-readmore btn btn-success\" target=\"_self\">Ver Sentencia Completa...<\/a><\/div><\/div><\/div><\/div>\n<div class=\"col-md-12 col-sm-12 col-xs-12 pt-cv-content-item pt-cv-1-col\" ><div class='pt-cv-ifield'><a href=\"https:\/\/www.dmsjuridica.com\/buscador_20179478954\/corteconstitucionalcronologico202454587\/t-1390-00\/\" class=\"_self pt-cv-href-thumbnail pt-cv-thumb-default\" target=\"_self\" ><\/a>\n<div class=\"pt-cv-taxoterm above_title\"><a href='https:\/\/www.dmsjuridica.com\/buscador_20179478954\/corteconstitucionalcronologico202454587\/category\/buscar-en-toda-la-corte\/2000\/tutelas-2000\/' title='Tutelas 2000' class='pt-cv-tax-tutelas-2000'>Tutelas 2000<\/a><\/div>\n<h4 class=\"pt-cv-title\"><a href=\"https:\/\/www.dmsjuridica.com\/buscador_20179478954\/corteconstitucionalcronologico202454587\/t-1390-00\/\" class=\"_self\" target=\"_self\" >T-1390-00<\/a><\/h4>\n<div class=\"pt-cv-content\">\u00a0 \u00a0 Sentencia T-1390\/00\u00a0 \u00a0 PRINCIPIO DE PUBLICIDAD DEL PROCESO-Armonizaci\u00f3n con la intimidad del menor y de su familia\/SENTENCIA DE REVISION DE TUTELA-Supresi\u00f3n identificaci\u00f3n del menor y progenitor\/EXPEDIENTE DE TUTELA-Absoluta reserva para el caso \u00a0 AMBIGUEDAD GENITAL-Legitimidad del consentimiento sustituto paterno \u00a0 AMBIGUEDAD GENITAL-Complejidad del asunto \u00a0 TRATAMIENTO MEDICO DEL NI\u00d1O O INCAPAZ-Alcance de la validez del permiso parental\/CONSENTIMIENTO SUSTITUTO EN TRATAMIENTO MEDICO DEL NI\u00d1O O INCAPAZ-Factores a tener en cuenta para evaluaci\u00f3n de validez\/DERECHO A LA INTIMIDAD FAMILIAR-Regla de cierre \u00a0 ESTADOS INTERSEXUALES Y AMBIGUEDAD GENITAL DEL INFANTE-Alcance \u00a0 IDENTIDAD SEXUAL-Cirug\u00edas y suministro de hormonas para remodelar genitales son ...<br \/><div class=\"pt-cv-rmwrap\"><a href=\"https:\/\/www.dmsjuridica.com\/buscador_20179478954\/corteconstitucionalcronologico202454587\/t-1390-00\/\" class=\"_self pt-cv-readmore btn btn-success\" target=\"_self\">Ver Sentencia Completa...<\/a><\/div><\/div><\/div><\/div>\n<div class=\"col-md-12 col-sm-12 col-xs-12 pt-cv-content-item pt-cv-1-col\" ><div class='pt-cv-ifield'><a href=\"https:\/\/www.dmsjuridica.com\/buscador_20179478954\/corteconstitucionalcronologico202454587\/t-139-00\/\" class=\"_self pt-cv-href-thumbnail pt-cv-thumb-default\" target=\"_self\" ><\/a>\n<div class=\"pt-cv-taxoterm above_title\"><a href='https:\/\/www.dmsjuridica.com\/buscador_20179478954\/corteconstitucionalcronologico202454587\/category\/buscar-en-toda-la-corte\/2000\/tutelas-2000\/' title='Tutelas 2000' class='pt-cv-tax-tutelas-2000'>Tutelas 2000<\/a><\/div>\n<h4 class=\"pt-cv-title\"><a href=\"https:\/\/www.dmsjuridica.com\/buscador_20179478954\/corteconstitucionalcronologico202454587\/t-139-00\/\" class=\"_self\" target=\"_self\" >T-139-00<\/a><\/h4>\n<div class=\"pt-cv-content\">\u00a0 \u00a0 Sentencia T-139\/00 \u00a0 SERVICIO LEGAL POPULAR-Derogaci\u00f3n\/ACCION DE TUTELA-Hecho superado \u00a0 Referencia: expediente T-258.544 \u00a0 Acci\u00f3n de tutela instaurada por Jimmy Duv\u00e1n Zapata Vargas y Yesid Z\u00e1rate Mota contra la facultad de derecho de la Universidad Libre (seccional Cali) \u00a0 Magistrado Ponente:\u00a0 \u00a0 Dr. ALEJANDRO MART\u00cdNEZ CABALLERO \u00a0 Santa Fe de Bogot\u00e1, diez y siete (17) de febrero de dos mil (2000) \u00a0 La Sala Sexta de Revisi\u00f3n de la Corte Constitucional, integrada por los Magistrados Alejandro Mart\u00ednez Caballero, Fabio Mor\u00f3n D\u00edaz y Vladimiro Naranjo Mesa, en ejercicio de sus competencias constitucionales y legales, ha proferido la siguiente \u00a0 ...<br \/><div class=\"pt-cv-rmwrap\"><a href=\"https:\/\/www.dmsjuridica.com\/buscador_20179478954\/corteconstitucionalcronologico202454587\/t-139-00\/\" class=\"_self pt-cv-readmore btn btn-success\" target=\"_self\">Ver Sentencia Completa...<\/a><\/div><\/div><\/div><\/div>\n<div class=\"col-md-12 col-sm-12 col-xs-12 pt-cv-content-item pt-cv-1-col\" ><div class='pt-cv-ifield'><a href=\"https:\/\/www.dmsjuridica.com\/buscador_20179478954\/corteconstitucionalcronologico202454587\/t-1389-00\/\" class=\"_self pt-cv-href-thumbnail pt-cv-thumb-default\" target=\"_self\" ><\/a>\n<div class=\"pt-cv-taxoterm above_title\"><a href='https:\/\/www.dmsjuridica.com\/buscador_20179478954\/corteconstitucionalcronologico202454587\/category\/buscar-en-toda-la-corte\/2000\/tutelas-2000\/' title='Tutelas 2000' class='pt-cv-tax-tutelas-2000'>Tutelas 2000<\/a><\/div>\n<h4 class=\"pt-cv-title\"><a href=\"https:\/\/www.dmsjuridica.com\/buscador_20179478954\/corteconstitucionalcronologico202454587\/t-1389-00\/\" class=\"_self\" target=\"_self\" >T-1389-00<\/a><\/h4>\n<div class=\"pt-cv-content\">\u00a0 \u00a0 Sentencia T-1389\/00 \u00a0 DERECHO AL PAGO OPORTUNO DEL SALARIO-Fundamental \u00a0 ACCION DE TUTELA-Procedencia excepcional pago de acreencias laborales \u00a0 EMPLEADOR-Situaci\u00f3n econ\u00f3mica o presupuestal no es \u00f3bice para desconocer pago de salarios \u00a0 Referencia: expedientes T-364632, T-364633 y T-364634 \u00a0 Peticionarios: Luis Fernando Munera Guti\u00e9rrez, Andr\u00e9s Escobar Aguilar y Marco Fidel L\u00f3pez Cabiche \u00a0 Magistrado Ponente:\u00a0 \u00a0 Dr. ALFREDO BELTR\u00c1N SIERRA. \u00a0 Bogot\u00e1, D.C., octubre doce (12) de dos mil (2000). \u00a0 La Sala Segunda de Revisi\u00f3n de la Corte Constitucional, integrada por los magistrados, Alfredo Beltr\u00e1n Sierra, Carlos Gaviria D\u00edaz y Martha S\u00e1chica de Moncaleano (e), en ejercicio ...<br \/><div class=\"pt-cv-rmwrap\"><a href=\"https:\/\/www.dmsjuridica.com\/buscador_20179478954\/corteconstitucionalcronologico202454587\/t-1389-00\/\" class=\"_self pt-cv-readmore btn btn-success\" target=\"_self\">Ver Sentencia Completa...<\/a><\/div><\/div><\/div><\/div>\n<div class=\"col-md-12 col-sm-12 col-xs-12 pt-cv-content-item pt-cv-1-col\" ><div class='pt-cv-ifield'><a href=\"https:\/\/www.dmsjuridica.com\/buscador_20179478954\/corteconstitucionalcronologico202454587\/t-1388-00\/\" class=\"_self pt-cv-href-thumbnail pt-cv-thumb-default\" target=\"_self\" ><\/a>\n<div class=\"pt-cv-taxoterm above_title\"><a href='https:\/\/www.dmsjuridica.com\/buscador_20179478954\/corteconstitucionalcronologico202454587\/category\/buscar-en-toda-la-corte\/2000\/tutelas-2000\/' title='Tutelas 2000' class='pt-cv-tax-tutelas-2000'>Tutelas 2000<\/a><\/div>\n<h4 class=\"pt-cv-title\"><a href=\"https:\/\/www.dmsjuridica.com\/buscador_20179478954\/corteconstitucionalcronologico202454587\/t-1388-00\/\" class=\"_self\" target=\"_self\" >T-1388-00<\/a><\/h4>\n<div class=\"pt-cv-content\">\u00a0 \u00a0 Sentencia T-1388\/00 \u00a0 ACCION DE TUTELA-Improcedencia general pago de acreencias laborales \u00a0 EMPLEADOR-Falta de presupuesto o insolvencia para pago oportuno de salarios no es raz\u00f3n suficiente \u00a0 DERECHO AL MINIMO VITAL DEL TRABAJADOR-Improcedencia de tutela por no afectaci\u00f3n \u00a0 Referencia: expediente T- 360425 \u00a0 Acci\u00f3n de tutela de Sara G\u00f3mez Vel\u00e1squez contra del Departamento del Magdalena.\u00a0 \u00a0 Procedencia:\u00a0 \u00a0 \u00a0 \u00a0 \u00a0Juzgado Cuarto Penal Municipal de Santa Marta \u00a0 Magistrado Ponente:\u00a0 \u00a0 Dr. ALFREDO BELTR\u00c1N SIERRA \u00a0 Sentencia aprobada en Bogot\u00e1 D.C., el doce (12) de octubre de dos mil (2000). \u00a0 La Sala Segunda de Revisi\u00f3n de ...<br \/><div class=\"pt-cv-rmwrap\"><a href=\"https:\/\/www.dmsjuridica.com\/buscador_20179478954\/corteconstitucionalcronologico202454587\/t-1388-00\/\" class=\"_self pt-cv-readmore btn btn-success\" target=\"_self\">Ver Sentencia Completa...<\/a><\/div><\/div><\/div><\/div>\n<div class=\"col-md-12 col-sm-12 col-xs-12 pt-cv-content-item pt-cv-1-col\" ><div class='pt-cv-ifield'><a href=\"https:\/\/www.dmsjuridica.com\/buscador_20179478954\/corteconstitucionalcronologico202454587\/t-1387-00\/\" class=\"_self pt-cv-href-thumbnail pt-cv-thumb-default\" target=\"_self\" ><\/a>\n<div class=\"pt-cv-taxoterm above_title\"><a href='https:\/\/www.dmsjuridica.com\/buscador_20179478954\/corteconstitucionalcronologico202454587\/category\/buscar-en-toda-la-corte\/2000\/tutelas-2000\/' title='Tutelas 2000' class='pt-cv-tax-tutelas-2000'>Tutelas 2000<\/a><\/div>\n<h4 class=\"pt-cv-title\"><a href=\"https:\/\/www.dmsjuridica.com\/buscador_20179478954\/corteconstitucionalcronologico202454587\/t-1387-00\/\" class=\"_self\" target=\"_self\" >T-1387-00<\/a><\/h4>\n<div class=\"pt-cv-content\">\u00a0 \u00a0 Sentencia T-1387\/00 \u00a0 PRINCIPIO DE DIGNIDAD HUMANA-Alcance \u00a0 INAPLICACION DE NORMAS DEL PLAN OBLIGATORIO DE SALUD-Pr\u00e1ctica de cirug\u00eda de transplante de pr\u00f3tesis ocular que se encuentra excluida\/DERECHO A LA VIDA DIGNA-Pr\u00e1ctica de cirug\u00eda de transplante de pr\u00f3tesis ocular \u00a0 Referencia: expediente T-359577 \u00a0 Omar Enrique Mart\u00ednez Orozco \u00a0 Magistrado Ponente:\u00a0 \u00a0 Dr. ALFREDO BELTR\u00c1N SIERRA. \u00a0 Bogot\u00e1, D.C., octubre doce (12) de dos mil (2000). \u00a0 La Sala Segunda de Revisi\u00f3n de la Corte Constitucional, integrada por los magistrados, Alfredo Beltr\u00e1n Sierra, Carlos Gaviria D\u00edaz y Martha S\u00e1chica de Moncaleano (e), en ejercicio de sus competencias constitucionales y ...<br \/><div class=\"pt-cv-rmwrap\"><a href=\"https:\/\/www.dmsjuridica.com\/buscador_20179478954\/corteconstitucionalcronologico202454587\/t-1387-00\/\" class=\"_self pt-cv-readmore btn btn-success\" target=\"_self\">Ver Sentencia Completa...<\/a><\/div><\/div><\/div><\/div>\n<div class=\"col-md-12 col-sm-12 col-xs-12 pt-cv-content-item pt-cv-1-col\" ><div class='pt-cv-ifield'><a href=\"https:\/\/www.dmsjuridica.com\/buscador_20179478954\/corteconstitucionalcronologico202454587\/t-1386-00\/\" class=\"_self pt-cv-href-thumbnail pt-cv-thumb-default\" target=\"_self\" ><\/a>\n<div class=\"pt-cv-taxoterm above_title\"><a href='https:\/\/www.dmsjuridica.com\/buscador_20179478954\/corteconstitucionalcronologico202454587\/category\/buscar-en-toda-la-corte\/2000\/tutelas-2000\/' title='Tutelas 2000' class='pt-cv-tax-tutelas-2000'>Tutelas 2000<\/a><\/div>\n<h4 class=\"pt-cv-title\"><a href=\"https:\/\/www.dmsjuridica.com\/buscador_20179478954\/corteconstitucionalcronologico202454587\/t-1386-00\/\" class=\"_self\" target=\"_self\" >T-1386-00<\/a><\/h4>\n<div class=\"pt-cv-content\">\u00a0 \u00a0 Sentencia T-1386\/00 \u00a0 ACCION DE TUTELA CONTRA PARTICULARES-Inexistencia de subordinaci\u00f3n e indefensi\u00f3n \u00a0 ACCION DE TUTELA-Improcedencia para resolver controversias contractuales \u00a0 Referencia: expediente T-341736 \u00a0 Peticionario: \u00a0 Jaime Mar\u00eda Uribe Botero \u00a0 Magistrado Ponente:\u00a0 \u00a0 Dr. ALFREDO BELTR\u00c1N SIERRA. \u00a0 Bogot\u00e1, D.C., octubre doce \u00a0(12) de dos mil (2000). \u00a0 La Sala Segunda de Revisi\u00f3n de la Corte Constitucional, integrada por los magistrados, Alfredo Beltr\u00e1n Sierra, Carlos Gaviria D\u00edaz y Martha S\u00e1chica de Moncaleano (e), en ejercicio de sus competencias constitucionales y legales, ha proferido la siguiente : \u00a0 SENTENCIA \u00a0 El expediente lleg\u00f3 a la Corte Constitucional, ...<br \/><div class=\"pt-cv-rmwrap\"><a href=\"https:\/\/www.dmsjuridica.com\/buscador_20179478954\/corteconstitucionalcronologico202454587\/t-1386-00\/\" class=\"_self pt-cv-readmore btn btn-success\" target=\"_self\">Ver Sentencia Completa...<\/a><\/div><\/div><\/div><\/div>\n<div class=\"col-md-12 col-sm-12 col-xs-12 pt-cv-content-item pt-cv-1-col\" ><div class='pt-cv-ifield'><a href=\"https:\/\/www.dmsjuridica.com\/buscador_20179478954\/corteconstitucionalcronologico202454587\/t-1385-00\/\" class=\"_self pt-cv-href-thumbnail pt-cv-thumb-default\" target=\"_self\" ><\/a>\n<div class=\"pt-cv-taxoterm above_title\"><a href='https:\/\/www.dmsjuridica.com\/buscador_20179478954\/corteconstitucionalcronologico202454587\/category\/buscar-en-toda-la-corte\/2000\/tutelas-2000\/' title='Tutelas 2000' class='pt-cv-tax-tutelas-2000'>Tutelas 2000<\/a><\/div>\n<h4 class=\"pt-cv-title\"><a href=\"https:\/\/www.dmsjuridica.com\/buscador_20179478954\/corteconstitucionalcronologico202454587\/t-1385-00\/\" class=\"_self\" target=\"_self\" >T-1385-00<\/a><\/h4>\n<div class=\"pt-cv-content\">\u00a0 \u00a0 Sentencia T-1385\/00 \u00a0 DERECHO DE PETICION-Pronta resoluci\u00f3n y decisi\u00f3n de fondo\/MEDIO DE DEFENSA JUDICIAL-Solicitud reliquidaci\u00f3n pensi\u00f3n de jubilaci\u00f3n \u00a0 Reiteraci\u00f3n de Jurisprudencia \u00a0 Referencia: expediente T-320419 \u00a0 Magistrada Ponente (E): \u00a0 Dra. MARTHA VICTORIA S\u00c1CHICA M\u00c9NDEZ \u00a0 Bogot\u00e1 D.C., octubre doce (12) de dos mil (2000) \u00a0 1. El se\u00f1or Dagoberto Emiliani Vergara, a trav\u00e9s de apoderado judicial, instaur\u00f3 acci\u00f3n de tutela contra la Caja Nacional de Previsi\u00f3n Social de Bogot\u00e1, por considerar que \u00e9sta vulner\u00f3 sus derechos de petici\u00f3n (C.P. art. 23), debido proceso (C.P. art. 29) y seguridad social (C.P. art. 48). El actor \u00a0manifiesta que ...<br \/><div class=\"pt-cv-rmwrap\"><a href=\"https:\/\/www.dmsjuridica.com\/buscador_20179478954\/corteconstitucionalcronologico202454587\/t-1385-00\/\" class=\"_self pt-cv-readmore btn btn-success\" target=\"_self\">Ver Sentencia Completa...<\/a><\/div><\/div><\/div><\/div>\n<div class=\"col-md-12 col-sm-12 col-xs-12 pt-cv-content-item pt-cv-1-col\" ><div class='pt-cv-ifield'><a href=\"https:\/\/www.dmsjuridica.com\/buscador_20179478954\/corteconstitucionalcronologico202454587\/t-1384-00\/\" class=\"_self pt-cv-href-thumbnail pt-cv-thumb-default\" target=\"_self\" ><\/a>\n<div class=\"pt-cv-taxoterm above_title\"><a href='https:\/\/www.dmsjuridica.com\/buscador_20179478954\/corteconstitucionalcronologico202454587\/category\/buscar-en-toda-la-corte\/2000\/tutelas-2000\/' title='Tutelas 2000' class='pt-cv-tax-tutelas-2000'>Tutelas 2000<\/a><\/div>\n<h4 class=\"pt-cv-title\"><a href=\"https:\/\/www.dmsjuridica.com\/buscador_20179478954\/corteconstitucionalcronologico202454587\/t-1384-00\/\" class=\"_self\" target=\"_self\" >T-1384-00<\/a><\/h4>\n<div class=\"pt-cv-content\">\u00a0 \u00a0 Sentencia T-1384\/00 \u00a0 ENTIDAD PROMOTORA DE SALUD-Recursos limitados no justifican retardo en atenci\u00f3n m\u00e9dica \u00a0 ENTIDAD PROMOTORA DE SALUD Y AFILIADO-Relaci\u00f3n contractual \u00a0 La relaci\u00f3n contractual entre la E.P.S. y el afiliado tiene por \u00fanico objeto establecer la persona obligada en garantizar la atenci\u00f3n y definir el conjunto de I.P.S. que est\u00e1n a disposici\u00f3n del afiliado para que la atenci\u00f3n sea efectiva. En estas condiciones, la imposibilidad de una E.P.S., por circunstancias ajenas al afiliado, de prestar el servicio asistencial requerido en determinado lugar no puede traducirse leg\u00edtimamente en denegaci\u00f3n del servicio. La E.P.S. est\u00e1 en la obligaci\u00f3n ...<br \/><div class=\"pt-cv-rmwrap\"><a href=\"https:\/\/www.dmsjuridica.com\/buscador_20179478954\/corteconstitucionalcronologico202454587\/t-1384-00\/\" class=\"_self pt-cv-readmore btn btn-success\" target=\"_self\">Ver Sentencia Completa...<\/a><\/div><\/div><\/div><\/div>\n<div class=\"col-md-12 col-sm-12 col-xs-12 pt-cv-content-item pt-cv-1-col\" ><div class='pt-cv-ifield'><a href=\"https:\/\/www.dmsjuridica.com\/buscador_20179478954\/corteconstitucionalcronologico202454587\/t-138-00\/\" class=\"_self pt-cv-href-thumbnail pt-cv-thumb-default\" target=\"_self\" ><\/a>\n<div class=\"pt-cv-taxoterm above_title\"><a href='https:\/\/www.dmsjuridica.com\/buscador_20179478954\/corteconstitucionalcronologico202454587\/category\/buscar-en-toda-la-corte\/2000\/tutelas-2000\/' title='Tutelas 2000' class='pt-cv-tax-tutelas-2000'>Tutelas 2000<\/a><\/div>\n<h4 class=\"pt-cv-title\"><a href=\"https:\/\/www.dmsjuridica.com\/buscador_20179478954\/corteconstitucionalcronologico202454587\/t-138-00\/\" class=\"_self\" target=\"_self\" >T-138-00<\/a><\/h4>\n<div class=\"pt-cv-content\">\u00a0 \u00a0 Sentencia T-138\/00 \u00a0 DERECHOS DEPORTIVOS-Legitimidad como sistema de compensaci\u00f3n entre clubes \u00a0 DERECHOS DEPORTIVOS-Titularidad en jugadores \u00a0 PRINCIPIO DE LA BUENA FE EN CONTRATOS DEPORTIVOS\/DERECHOS DEPORTIVOS-Ejercicio razonable\/CLUB DEPORTIVO-Contrato de trabajo vigente con el jugador \u00a0 LIBERTAD DE TRABAJO DEL FUTBOLISTA-Entrega de derechos deportivos \u00a0 MEDIO DE DEFENSA JUDICIAL-Establecimiento de eficacia por juez de tutela en cada caso \u00a0 Referencia: expediente T-257.605 \u00a0 Acci\u00f3n de tutela contra la Escuela de F\u00fatbol Carlos Sarmiento Lora por una presunta violaci\u00f3n de los derechos a la libertad y al trabajo. \u00a0 Tema: \u00a0 Relaci\u00f3n laboral de los deportistas profesionales. \u00a0 Derechos de ...<br \/><div class=\"pt-cv-rmwrap\"><a href=\"https:\/\/www.dmsjuridica.com\/buscador_20179478954\/corteconstitucionalcronologico202454587\/t-138-00\/\" class=\"_self pt-cv-readmore btn btn-success\" target=\"_self\">Ver Sentencia Completa...<\/a><\/div><\/div><\/div><\/div>\n<div class=\"col-md-12 col-sm-12 col-xs-12 pt-cv-content-item pt-cv-1-col\" ><div class='pt-cv-ifield'><a href=\"https:\/\/www.dmsjuridica.com\/buscador_20179478954\/corteconstitucionalcronologico202454587\/t-137-00\/\" class=\"_self pt-cv-href-thumbnail pt-cv-thumb-default\" target=\"_self\" ><\/a>\n<div class=\"pt-cv-taxoterm above_title\"><a href='https:\/\/www.dmsjuridica.com\/buscador_20179478954\/corteconstitucionalcronologico202454587\/category\/buscar-en-toda-la-corte\/2000\/tutelas-2000\/' title='Tutelas 2000' class='pt-cv-tax-tutelas-2000'>Tutelas 2000<\/a><\/div>\n<h4 class=\"pt-cv-title\"><a href=\"https:\/\/www.dmsjuridica.com\/buscador_20179478954\/corteconstitucionalcronologico202454587\/t-137-00\/\" class=\"_self\" target=\"_self\" >T-137-00<\/a><\/h4>\n<div class=\"pt-cv-content\">\u00a0 \u00a0 Sentencia T-137\/00 \u00a0 SEGURIDAD SOCIAL-Derecho inalienable e irrenunciable\/SISTEMA DE SEGURIDAD SOCIAL-Afiliaci\u00f3n de trabajadores y pensionados por empleador\/EMPLEADOR-Afiliaci\u00f3n de trabajadores y pensionados al sistema nacional de seguridad social \u00a0 La seguridad social para los trabajadores sus familias y pensionados no es entonces una d\u00e1diva del patrono o de las entidades prestadoras de salud, ni depende de su mero arbitrio; es un derecho inalienable e irrenunciable de aqu\u00e9llos, que hace parte de las condiciones dignas y justas que deben rodear las relaciones de trabajo; lo anterior significa la correlativa y perentoria obligaci\u00f3n de todo patrono de hacer efectivo tal derecho, ...<br \/><div class=\"pt-cv-rmwrap\"><a href=\"https:\/\/www.dmsjuridica.com\/buscador_20179478954\/corteconstitucionalcronologico202454587\/t-137-00\/\" class=\"_self pt-cv-readmore btn btn-success\" target=\"_self\">Ver Sentencia Completa...<\/a><\/div><\/div><\/div><\/div>\n<div class=\"col-md-12 col-sm-12 col-xs-12 pt-cv-content-item pt-cv-1-col\" ><div class='pt-cv-ifield'><a href=\"https:\/\/www.dmsjuridica.com\/buscador_20179478954\/corteconstitucionalcronologico202454587\/t-1368-00\/\" class=\"_self pt-cv-href-thumbnail pt-cv-thumb-default\" target=\"_self\" ><\/a>\n<div class=\"pt-cv-taxoterm above_title\"><a href='https:\/\/www.dmsjuridica.com\/buscador_20179478954\/corteconstitucionalcronologico202454587\/category\/buscar-en-toda-la-corte\/2000\/tutelas-2000\/' title='Tutelas 2000' class='pt-cv-tax-tutelas-2000'>Tutelas 2000<\/a><\/div>\n<h4 class=\"pt-cv-title\"><a href=\"https:\/\/www.dmsjuridica.com\/buscador_20179478954\/corteconstitucionalcronologico202454587\/t-1368-00\/\" class=\"_self\" target=\"_self\" >T-1368-00<\/a><\/h4>\n<div class=\"pt-cv-content\">\u00a0 \u00a0 Sentencia T-1368\/00 \u00a0 LEGITIMACION PARA ACTUAR EN TUTELA\/LEGITIMACION POR ACTIVA EN TUTELA-Compa\u00f1ero permanente de la afectada en salud \u00a0 ENTIDAD PROMOTORA DE SALUD-Afiliaci\u00f3n de compa\u00f1era permanente como beneficiaria \u00a0 Referencia: expediente T-332.736 \u00a0 Peticionario: Arley de Jes\u00fas Taborda Berr\u00edo \u00a0 Procedencia: \u00a0 \u00a0 \u00a0 \u00a0 \u00a0 \u00a0 \u00a0 \u00a0 \u00a0 \u00a0 \u00a0 \u00a0 \u00a0 \u00a0 \u00a0 \u00a0 \u00a0 \u00a0 \u00a0 \u00a0 \u00a0 \u00a0 \u00a0 \u00a0 \u00a0Juzgado 2\u00ba Laboral del Circuito de Medell\u00edn \u00a0 \u00a0 \u00a0 \u00a0 \u00a0 \u00a0 \u00a0 \u00a0 \u00a0 \u00a0 \u00a0 \u00a0 \u00a0 \u00a0 \u00a0 \u00a0 \u00a0 \u00a0 \u00a0 \u00a0 \u00a0 \u00a0 \u00a0 \u00a0 \u00a0 \u00a0 ...<br \/><div class=\"pt-cv-rmwrap\"><a href=\"https:\/\/www.dmsjuridica.com\/buscador_20179478954\/corteconstitucionalcronologico202454587\/t-1368-00\/\" class=\"_self pt-cv-readmore btn btn-success\" target=\"_self\">Ver Sentencia Completa...<\/a><\/div><\/div><\/div><\/div>\n<div class=\"col-md-12 col-sm-12 col-xs-12 pt-cv-content-item pt-cv-1-col\" ><div class='pt-cv-ifield'><a href=\"https:\/\/www.dmsjuridica.com\/buscador_20179478954\/corteconstitucionalcronologico202454587\/t-1367-00\/\" class=\"_self pt-cv-href-thumbnail pt-cv-thumb-default\" target=\"_self\" ><\/a>\n<div class=\"pt-cv-taxoterm above_title\"><a href='https:\/\/www.dmsjuridica.com\/buscador_20179478954\/corteconstitucionalcronologico202454587\/category\/buscar-en-toda-la-corte\/2000\/tutelas-2000\/' title='Tutelas 2000' class='pt-cv-tax-tutelas-2000'>Tutelas 2000<\/a><\/div>\n<h4 class=\"pt-cv-title\"><a href=\"https:\/\/www.dmsjuridica.com\/buscador_20179478954\/corteconstitucionalcronologico202454587\/t-1367-00\/\" class=\"_self\" target=\"_self\" >T-1367-00<\/a><\/h4>\n<div class=\"pt-cv-content\">\u00a0 \u00a0 Sentencia T-1367\/00 \u00a0 DERECHO AL PAGO OPORTUNO DEL SALARIO-Fundamental \u00a0 REMUNERACION MINIMA VITAL Y MOVIL-No debe limitarse protecci\u00f3n a retribuci\u00f3n m\u00ednima del trabajo\/ SALARIO-Movilidad \u00a0 ACCION DE TUTELA-Procedencia excepcional pago de acreencias laborales \u00a0 DERECHO AL PAGO OPORTUNO DEL SALARIO-Reconocimiento de totalidad de sumas adeudadas \u00a0 EMPLEADOR-Falta de presupuesto o insolvencia para pago oportuno de salarios no es raz\u00f3n suficiente \u00a0 DERECHO AL MINIMO VITAL DEL TRABAJADOR-Pago oportuno de salarios \u00a0 ORGANOS DE CONTROL-Autonom\u00eda\/ORGANOS DE CONTROL-Gesti\u00f3n presupuestal y distribuci\u00f3n de partidas para pago oportuno de salarios \u00a0 Referencia: expediente T-332.463 \u00a0 Peticionario: Martha Luisa Garz\u00f3n Rodr\u00edguez \u00a0 Magistrada ...<br \/><div class=\"pt-cv-rmwrap\"><a href=\"https:\/\/www.dmsjuridica.com\/buscador_20179478954\/corteconstitucionalcronologico202454587\/t-1367-00\/\" class=\"_self pt-cv-readmore btn btn-success\" target=\"_self\">Ver Sentencia Completa...<\/a><\/div><\/div><\/div><\/div>\n<div class=\"col-md-12 col-sm-12 col-xs-12 pt-cv-content-item pt-cv-1-col\" ><div class='pt-cv-ifield'><a href=\"https:\/\/www.dmsjuridica.com\/buscador_20179478954\/corteconstitucionalcronologico202454587\/t-1366-00\/\" class=\"_self pt-cv-href-thumbnail pt-cv-thumb-default\" target=\"_self\" ><\/a>\n<div class=\"pt-cv-taxoterm above_title\"><a href='https:\/\/www.dmsjuridica.com\/buscador_20179478954\/corteconstitucionalcronologico202454587\/category\/buscar-en-toda-la-corte\/2000\/tutelas-2000\/' title='Tutelas 2000' class='pt-cv-tax-tutelas-2000'>Tutelas 2000<\/a><\/div>\n<h4 class=\"pt-cv-title\"><a href=\"https:\/\/www.dmsjuridica.com\/buscador_20179478954\/corteconstitucionalcronologico202454587\/t-1366-00\/\" class=\"_self\" target=\"_self\" >T-1366-00<\/a><\/h4>\n<div class=\"pt-cv-content\">\u00a0 \u00a0 Sentencia T-1366\/00 \u00a0 ACCION DE TUTELA-Improcedencia general sobre controversias laborales\/TRABAJADORES DE LA CAJA AGRARIA-Reintegro\/TRABAJADORES DE LA CAJA AGRARIA-Pago de indemnizaci\u00f3n por despido \u00a0 SERVICIO DE SALUD-Suspensi\u00f3n por terminaci\u00f3n de relaci\u00f3n contractual\/PENSIONADOS DE LA CAJA AGRARIA-Salud cubierta por el POS \u00a0 MATERNIDAD-Protecci\u00f3n constitucional especial \u00a0 Referencia: expediente T-247.134 y acumulados \u00a0 Peticionario: H\u00e9ctor S\u00e1nchez Romero y otros\u00a0 \u00a0 Demandado: Caja de Cr\u00e9dito Agrario Industrial y Minero en liquidaci\u00f3n y Banco Agrario de Colombia. \u00a0 Magistrada Ponente (e): \u00a0 Dra. CRISTINA PARDO SCHLESINGER \u00a0 Bogot\u00e1, D.C., diez (10) de octubre de dos mil (2000). \u00a0 La Sala Octava de Revisi\u00f3n ...<br \/><div class=\"pt-cv-rmwrap\"><a href=\"https:\/\/www.dmsjuridica.com\/buscador_20179478954\/corteconstitucionalcronologico202454587\/t-1366-00\/\" class=\"_self pt-cv-readmore btn btn-success\" target=\"_self\">Ver Sentencia Completa...<\/a><\/div><\/div><\/div><\/div>\n<div class=\"col-md-12 col-sm-12 col-xs-12 pt-cv-content-item pt-cv-1-col\" ><div class='pt-cv-ifield'><a href=\"https:\/\/www.dmsjuridica.com\/buscador_20179478954\/corteconstitucionalcronologico202454587\/t-1365-00\/\" class=\"_self pt-cv-href-thumbnail pt-cv-thumb-default\" target=\"_self\" ><\/a>\n<div class=\"pt-cv-taxoterm above_title\"><a href='https:\/\/www.dmsjuridica.com\/buscador_20179478954\/corteconstitucionalcronologico202454587\/category\/buscar-en-toda-la-corte\/2000\/tutelas-2000\/' title='Tutelas 2000' class='pt-cv-tax-tutelas-2000'>Tutelas 2000<\/a><\/div>\n<h4 class=\"pt-cv-title\"><a href=\"https:\/\/www.dmsjuridica.com\/buscador_20179478954\/corteconstitucionalcronologico202454587\/t-1365-00\/\" class=\"_self\" target=\"_self\" >T-1365-00<\/a><\/h4>\n<div class=\"pt-cv-content\">\u00a0 \u00a0 Sentencia T-1365\/00 \u00a0 ACCION DE TUTELA-Procedencia excepcional pago de acreencias laborales \u00a0 DERECHO AL PAGO OPORTUNO DEL SALARIO-Fundamental \u00a0 DERECHO AL MINIMO VITAL DEL TRABAJADOR-Pago oportuno de salarios \u00a0 EMPLEADOR-Situaci\u00f3n econ\u00f3mica o presupuestal no es \u00f3bice para desconocer pago de salarios \u00a0 EMPLEADOR-Asunci\u00f3n de responsabilidad por mora en aportes en salud \u00a0 Reiteraci\u00f3n de Jurisprudencia \u00a0 \u00a0 \u00a0 Referencia: expediente T-325 552. \u00a0 Acci\u00f3n de tutela instaurada por Fausto Campo Lozano contra la Empresa Constructora Ingenieros Unidos y Asociados Ltda. \u00a0 Magistrado ponente: \u00a0 Dr. FABIO MORON DIAZ\u00a0 \u00a0 Aprobada en Bogot\u00e1 D.C., a los once (11) d\u00edas ...<br \/><div class=\"pt-cv-rmwrap\"><a href=\"https:\/\/www.dmsjuridica.com\/buscador_20179478954\/corteconstitucionalcronologico202454587\/t-1365-00\/\" class=\"_self pt-cv-readmore btn btn-success\" target=\"_self\">Ver Sentencia Completa...<\/a><\/div><\/div><\/div><\/div>\n<div class=\"col-md-12 col-sm-12 col-xs-12 pt-cv-content-item pt-cv-1-col\" ><div class='pt-cv-ifield'><a href=\"https:\/\/www.dmsjuridica.com\/buscador_20179478954\/corteconstitucionalcronologico202454587\/t-1364-00\/\" class=\"_self pt-cv-href-thumbnail pt-cv-thumb-default\" target=\"_self\" ><\/a>\n<div class=\"pt-cv-taxoterm above_title\"><a href='https:\/\/www.dmsjuridica.com\/buscador_20179478954\/corteconstitucionalcronologico202454587\/category\/buscar-en-toda-la-corte\/2000\/tutelas-2000\/' title='Tutelas 2000' class='pt-cv-tax-tutelas-2000'>Tutelas 2000<\/a><\/div>\n<h4 class=\"pt-cv-title\"><a href=\"https:\/\/www.dmsjuridica.com\/buscador_20179478954\/corteconstitucionalcronologico202454587\/t-1364-00\/\" class=\"_self\" target=\"_self\" >T-1364-00<\/a><\/h4>\n<div class=\"pt-cv-content\">\u00a0 \u00a0 Sentencia T-1364\/00 \u00a0 ACCION DE TUTELA CONTRA PARTICULARES-Revocatoria unilateral de acto por entidad privada que reconoci\u00f3 derecho a la pensi\u00f3n\/PENSION DE JUBILACION-Revocatoria unilateral de acto por entidad privada sin consentimiento expreso y escrito del titular \u00a0 TUTELA CONTRA SOCIEDAD DE ECONOMIA MIXTA-Frente a sus trabajadores act\u00faa como particular \u00a0 ACTO PROPIO-Respeto \u00a0 ACCION DE TUTELA-T\u00e9rmino de presentaci\u00f3n \u00a0 Reiteraci\u00f3n de Jurisprudencia \u00a0 Referencia: expediente T- 312 321. \u00a0 Acci\u00f3n de tutela instaurada por Jos\u00e9 Hernando Lozano Reyes contra la Presidencia de BANCAFE. \u00a0 Magistrado ponente: \u00a0 Dr. FABIO MORON DIAZ. \u00a0 Aprobada en Bogot\u00e1 D.C., a los once ...<br \/><div class=\"pt-cv-rmwrap\"><a href=\"https:\/\/www.dmsjuridica.com\/buscador_20179478954\/corteconstitucionalcronologico202454587\/t-1364-00\/\" class=\"_self pt-cv-readmore btn btn-success\" target=\"_self\">Ver Sentencia Completa...<\/a><\/div><\/div><\/div><\/div>\n<div class=\"col-md-12 col-sm-12 col-xs-12 pt-cv-content-item pt-cv-1-col\" ><div class='pt-cv-ifield'><a href=\"https:\/\/www.dmsjuridica.com\/buscador_20179478954\/corteconstitucionalcronologico202454587\/t-1363-00\/\" class=\"_self pt-cv-href-thumbnail pt-cv-thumb-default\" target=\"_self\" ><\/a>\n<div class=\"pt-cv-taxoterm above_title\"><a href='https:\/\/www.dmsjuridica.com\/buscador_20179478954\/corteconstitucionalcronologico202454587\/category\/buscar-en-toda-la-corte\/2000\/tutelas-2000\/' title='Tutelas 2000' class='pt-cv-tax-tutelas-2000'>Tutelas 2000<\/a><\/div>\n<h4 class=\"pt-cv-title\"><a href=\"https:\/\/www.dmsjuridica.com\/buscador_20179478954\/corteconstitucionalcronologico202454587\/t-1363-00\/\" class=\"_self\" target=\"_self\" >T-1363-00<\/a><\/h4>\n<div class=\"pt-cv-content\">\u00a0 \u00a0 Sentencia T-1363\/00 \u00a0 ACCION DE TUTELA PARA CUMPLIMIENTO DE SENTENCIAS-Inclusi\u00f3n en n\u00f3mina de pensionados \u00a0 DERECHO AL MINIMO VITAL DEL PENSIONADO-Inclusi\u00f3n en n\u00f3mina \u00a0 DERECHO A LA SEGURIDAD SOCIAL-Fundamental por conexidad \u00a0 Referencia: expediente T-332.780 \u00a0 Acci\u00f3n de tutela instaurada por V\u00edctor Alfonso \u00a0Penagos Cerquera contra la Caja Nacional de Previsi\u00f3n Social. \u00a0 Magistrado Ponente:\u00a0 \u00a0 Santaf\u00e9 de Bogot\u00e1, D.C., 9 (nueve) de octubre del a\u00f1o dos mil (2000). \u00a0 En desarrollo de sus atribuciones constitucionales y legales, la Sala Novena de Revisi\u00f3n de Tutelas de la Corte Constitucional, integrada por los Magistrados, Antonio Barrera Carbonell, Alfredo Beltr\u00e1n ...<br \/><div class=\"pt-cv-rmwrap\"><a href=\"https:\/\/www.dmsjuridica.com\/buscador_20179478954\/corteconstitucionalcronologico202454587\/t-1363-00\/\" class=\"_self pt-cv-readmore btn btn-success\" target=\"_self\">Ver Sentencia Completa...<\/a><\/div><\/div><\/div><\/div>\n<div class=\"col-md-12 col-sm-12 col-xs-12 pt-cv-content-item pt-cv-1-col\" ><div class='pt-cv-ifield'><a href=\"https:\/\/www.dmsjuridica.com\/buscador_20179478954\/corteconstitucionalcronologico202454587\/t-1362-00\/\" class=\"_self pt-cv-href-thumbnail pt-cv-thumb-default\" target=\"_self\" ><\/a>\n<div class=\"pt-cv-taxoterm above_title\"><a href='https:\/\/www.dmsjuridica.com\/buscador_20179478954\/corteconstitucionalcronologico202454587\/category\/buscar-en-toda-la-corte\/2000\/tutelas-2000\/' title='Tutelas 2000' class='pt-cv-tax-tutelas-2000'>Tutelas 2000<\/a><\/div>\n<h4 class=\"pt-cv-title\"><a href=\"https:\/\/www.dmsjuridica.com\/buscador_20179478954\/corteconstitucionalcronologico202454587\/t-1362-00\/\" class=\"_self\" target=\"_self\" >T-1362-00<\/a><\/h4>\n<div class=\"pt-cv-content\">\u00a0 \u00a0 Sentencia T-1362\/00 \u00a0 PROCESO DE RESPONSABILIDAD FISCAL-Naturaleza \u00a0 CADUCIDAD DE LA ACCION FISCAL-Implicaci\u00f3n \u00a0 CADUCIDAD DE PROCESO DE RESPONSABILIDAD FISCAL-Aplicaci\u00f3n \u00a0 CADUCIDAD DE LA ACCION FISCAL-Fenecimiento de cuenta \u00a0 El presupuesto referencial de la caducidad de la acci\u00f3n fiscal est\u00e1 constituido por el fenecimiento de la respectiva cuenta, en la medida en que la normatividad sobre el control fiscal guardaba silencio en esta materia. Se recuerda en este punto que el fenecimiento es un acto cuyo objeto material es la cuenta y no el funcionario o funcionarios responsables de su manejo, sobre quienes no se constituye por ese ...<br \/><div class=\"pt-cv-rmwrap\"><a href=\"https:\/\/www.dmsjuridica.com\/buscador_20179478954\/corteconstitucionalcronologico202454587\/t-1362-00\/\" class=\"_self pt-cv-readmore btn btn-success\" target=\"_self\">Ver Sentencia Completa...<\/a><\/div><\/div><\/div><\/div>\n<div class=\"col-md-12 col-sm-12 col-xs-12 pt-cv-content-item pt-cv-1-col\" ><div class='pt-cv-ifield'><a href=\"https:\/\/www.dmsjuridica.com\/buscador_20179478954\/corteconstitucionalcronologico202454587\/t-1361-00\/\" class=\"_self pt-cv-href-thumbnail pt-cv-thumb-default\" target=\"_self\" ><\/a>\n<div class=\"pt-cv-taxoterm above_title\"><a href='https:\/\/www.dmsjuridica.com\/buscador_20179478954\/corteconstitucionalcronologico202454587\/category\/buscar-en-toda-la-corte\/2000\/tutelas-2000\/' title='Tutelas 2000' class='pt-cv-tax-tutelas-2000'>Tutelas 2000<\/a><\/div>\n<h4 class=\"pt-cv-title\"><a href=\"https:\/\/www.dmsjuridica.com\/buscador_20179478954\/corteconstitucionalcronologico202454587\/t-1361-00\/\" class=\"_self\" target=\"_self\" >T-1361-00<\/a><\/h4>\n<div class=\"pt-cv-content\">\u00a0 \u00a0 Sentencia T-1361\/00 \u00a0 DERECHO AL PAGO OPORTUNO DEL SALARIO-Fundamental\/DERECHO AL MINIMO VITAL DEL TRABAJADOR-Pago oportuno de salarios \u00a0 EMPLEADOR-Situaci\u00f3n econ\u00f3mica o presupuestal no es \u00f3bice para desconocer pago de salarios \u00a0 Referencia: expediente T-332151 \u00a0 Acci\u00f3n de tutela incoada por Hilda Josefa Campuzano contra el Hospital San Agust\u00edn de Fonseca (Guajira). \u00a0 Magistrado Ponente: \u00a0 Dr. JOS\u00c9 GREGORIO HERN\u00c1NDEZ GALINDO \u00a0 Bogot\u00e1, D.C., diez (10) de octubre de dos mil (2000). \u00a0 La Sala Quinta de Revisi\u00f3n de la Corte Constitucional, en ejercicio de sus competencias constitucionales y legales, espec\u00edficamente las previstas en los art\u00edculos 86 y \u00a0241, ...<br \/><div class=\"pt-cv-rmwrap\"><a href=\"https:\/\/www.dmsjuridica.com\/buscador_20179478954\/corteconstitucionalcronologico202454587\/t-1361-00\/\" class=\"_self pt-cv-readmore btn btn-success\" target=\"_self\">Ver Sentencia Completa...<\/a><\/div><\/div><\/div><\/div>\n<div class=\"col-md-12 col-sm-12 col-xs-12 pt-cv-content-item pt-cv-1-col\" ><div class='pt-cv-ifield'><a href=\"https:\/\/www.dmsjuridica.com\/buscador_20179478954\/corteconstitucionalcronologico202454587\/t-1360-00\/\" class=\"_self pt-cv-href-thumbnail pt-cv-thumb-default\" target=\"_self\" ><\/a>\n<div class=\"pt-cv-taxoterm above_title\"><a href='https:\/\/www.dmsjuridica.com\/buscador_20179478954\/corteconstitucionalcronologico202454587\/category\/buscar-en-toda-la-corte\/2000\/tutelas-2000\/' title='Tutelas 2000' class='pt-cv-tax-tutelas-2000'>Tutelas 2000<\/a><\/div>\n<h4 class=\"pt-cv-title\"><a href=\"https:\/\/www.dmsjuridica.com\/buscador_20179478954\/corteconstitucionalcronologico202454587\/t-1360-00\/\" class=\"_self\" target=\"_self\" >T-1360-00<\/a><\/h4>\n<div class=\"pt-cv-content\">\u00a0 \u00a0 Sentencia T-1360\/00 \u00a0 ACCION DE TUTELA CONTRA PARTICULARES-Subordinaci\u00f3n \u00a0 ACCION DE TUTELA-Procedencia excepcional pago de acreencias laborales \u00a0 DERECHO AL MINIMO VITAL DEL TRABAJADOR-Presunci\u00f3n de afectaci\u00f3n por ausencia prolongada en pago de salarios \u00a0 DERECHO AL MINIMO VITAL DE EXTRABAJADOR-Pago de acreencias laborales \u00a0 Reiteraci\u00f3n de Jurisprudencia \u00a0 Referencia: expediente T-324359 \u00a0 Acci\u00f3n de tutela instaurada por Julio Mart\u00edn Guerrero Monta\u00f1o, Jos\u00e9 L\u00edder Cruz G\u00f3mez, Carlos Monz\u00f3n Moreno, Jos\u00e9 Capote Velasco, Roc\u00edo Ramos Valencia, Fernando Salas, Mar\u00eda Gladys Correa de Lavado, Luciano Bri\u00f1ez Correa y Mar\u00eda Derly Ocampo contra la empresa Pl\u00e1sticos Panorama S.A. \u00a0 Magistrado Ponente: \u00a0 ...<br \/><div class=\"pt-cv-rmwrap\"><a href=\"https:\/\/www.dmsjuridica.com\/buscador_20179478954\/corteconstitucionalcronologico202454587\/t-1360-00\/\" class=\"_self pt-cv-readmore btn btn-success\" target=\"_self\">Ver Sentencia Completa...<\/a><\/div><\/div><\/div><\/div>\n<div class=\"col-md-12 col-sm-12 col-xs-12 pt-cv-content-item pt-cv-1-col\" ><div class='pt-cv-ifield'><a href=\"https:\/\/www.dmsjuridica.com\/buscador_20179478954\/corteconstitucionalcronologico202454587\/t-136-00\/\" class=\"_self pt-cv-href-thumbnail pt-cv-thumb-default\" target=\"_self\" ><\/a>\n<div class=\"pt-cv-taxoterm above_title\"><a href='https:\/\/www.dmsjuridica.com\/buscador_20179478954\/corteconstitucionalcronologico202454587\/category\/buscar-en-toda-la-corte\/2000\/tutelas-2000\/' title='Tutelas 2000' class='pt-cv-tax-tutelas-2000'>Tutelas 2000<\/a><\/div>\n<h4 class=\"pt-cv-title\"><a href=\"https:\/\/www.dmsjuridica.com\/buscador_20179478954\/corteconstitucionalcronologico202454587\/t-136-00\/\" class=\"_self\" target=\"_self\" >T-136-00<\/a><\/h4>\n<div class=\"pt-cv-content\">\u00a0 \u00a0 Sentencia T-136\/00 \u00a0 ACCION DE TUTELA-Procedencia por desconocimiento de derecho dentro del marco de la terminaci\u00f3n de una relaci\u00f3n laboral \u00a0 ACCION DE TUTELA-Procedencia a\u00fan en el caso de contar con la acci\u00f3n laboral ordinaria \u00a0 ACCION DE TUTELA TEMERARIA-Inexistencia por distinto demandado y pretensi\u00f3n \u00a0 ACCION DE TUTELA-Procedencia para definici\u00f3n de responsable de suministrar tratamiento a enfermo de sida previa determinaci\u00f3n exitencia de relaci\u00f3n laboral \u00a0 ACCION DE TUTELA-Determinaci\u00f3n existencia de relaci\u00f3n laboral para definir responsable de suministrar tratamiento a enfermo de sida \u00a0 DEBER DE SOLIDARIDAD HUMANA-Mantenimiento de enfermo de sida en cargo acorde con las ...<br \/><div class=\"pt-cv-rmwrap\"><a href=\"https:\/\/www.dmsjuridica.com\/buscador_20179478954\/corteconstitucionalcronologico202454587\/t-136-00\/\" class=\"_self pt-cv-readmore btn btn-success\" target=\"_self\">Ver Sentencia Completa...<\/a><\/div><\/div><\/div><\/div>\n<div class=\"col-md-12 col-sm-12 col-xs-12 pt-cv-content-item pt-cv-1-col\" ><div class='pt-cv-ifield'><a href=\"https:\/\/www.dmsjuridica.com\/buscador_20179478954\/corteconstitucionalcronologico202454587\/t-1359-00\/\" class=\"_self pt-cv-href-thumbnail pt-cv-thumb-default\" target=\"_self\" ><\/a>\n<div class=\"pt-cv-taxoterm above_title\"><a href='https:\/\/www.dmsjuridica.com\/buscador_20179478954\/corteconstitucionalcronologico202454587\/category\/buscar-en-toda-la-corte\/2000\/tutelas-2000\/' title='Tutelas 2000' class='pt-cv-tax-tutelas-2000'>Tutelas 2000<\/a><\/div>\n<h4 class=\"pt-cv-title\"><a href=\"https:\/\/www.dmsjuridica.com\/buscador_20179478954\/corteconstitucionalcronologico202454587\/t-1359-00\/\" class=\"_self\" target=\"_self\" >T-1359-00<\/a><\/h4>\n<div class=\"pt-cv-content\">\u00a0 \u00a0 Sentencia T-1359\/00 \u00a0 ACCION DE TUTELA-Procedencia excepcional pago de acreencias laborales \u00a0 DERECHO AL MINIMO VITAL-Alcance \u00a0 Referencia: expedientes 322478 y 323917 \u00a0 Acciones de tutela instauradas por Cristina Isabel Pacheco Bele\u00f1o y Enith Mar\u00eda Colina Prentt contra las E.S.E Hospitales General de Barranquilla y Nazareth y, el Alcalde Distrital de Barranquilla. \u00a0 Magistrado Ponente: \u00a0 Dr. FABIO MORON DIAZ\u00a0 \u00a0 Bogot\u00e1, D.C., a los cinco (5) d\u00edas del mes de octubre del a\u00f1o dos mil (2000). \u00a0\u00a0 \u00a0 La Sala S\u00e9ptima de Revisi\u00f3n de Tutelas de la Corte Constitucional, integrada por los Magistrados CRISTINA PARDO SCHLESINGER, ALVARO ...<br \/><div class=\"pt-cv-rmwrap\"><a href=\"https:\/\/www.dmsjuridica.com\/buscador_20179478954\/corteconstitucionalcronologico202454587\/t-1359-00\/\" class=\"_self pt-cv-readmore btn btn-success\" target=\"_self\">Ver Sentencia Completa...<\/a><\/div><\/div><\/div><\/div>\n<div class=\"col-md-12 col-sm-12 col-xs-12 pt-cv-content-item pt-cv-1-col\" ><div class='pt-cv-ifield'><a href=\"https:\/\/www.dmsjuridica.com\/buscador_20179478954\/corteconstitucionalcronologico202454587\/t-1358-00\/\" class=\"_self pt-cv-href-thumbnail pt-cv-thumb-default\" target=\"_self\" ><\/a>\n<div class=\"pt-cv-taxoterm above_title\"><a href='https:\/\/www.dmsjuridica.com\/buscador_20179478954\/corteconstitucionalcronologico202454587\/category\/buscar-en-toda-la-corte\/2000\/tutelas-2000\/' title='Tutelas 2000' class='pt-cv-tax-tutelas-2000'>Tutelas 2000<\/a><\/div>\n<h4 class=\"pt-cv-title\"><a href=\"https:\/\/www.dmsjuridica.com\/buscador_20179478954\/corteconstitucionalcronologico202454587\/t-1358-00\/\" class=\"_self\" target=\"_self\" >T-1358-00<\/a><\/h4>\n<div class=\"pt-cv-content\">\u00a0 \u00a0 Sentencia T-1358\/00 \u00a0 ACCION DE TUTELA-Hecho superado por pago de acreencias laborales \u00a0 Reiteraci\u00f3n de Jurisprudencia- \u00a0 Referencia: expediente T-332415 \u00a0 Acci\u00f3n de tutela interpuesta por Segundo Benjam\u00edn Quemba Torres, contra Editorial La unidad S.A. \u00a0 Magistrado Ponente: \u00a0 Dr. FABIO MORON DIAZ\u00a0 \u00a0 Bogot\u00e1, D.C., nueve (9) de octubre del dos mil (2000). \u00a0\u00a0 \u00a0 \u00a0 \u00a0 La Sala S\u00e9ptima de Revisi\u00f3n de Tutelas de la Corte Constitucional, integrada por los Magistrados CRISTINA PARDO SCHLESINGER (e), ALVARO TAFUR GALVIS y FABIO MORON DIAZ, en ejercicio de sus competencias constitucionales y legales, ha proferido la siguiente \u00a0 SENTENCIA ...<br \/><div class=\"pt-cv-rmwrap\"><a href=\"https:\/\/www.dmsjuridica.com\/buscador_20179478954\/corteconstitucionalcronologico202454587\/t-1358-00\/\" class=\"_self pt-cv-readmore btn btn-success\" target=\"_self\">Ver Sentencia Completa...<\/a><\/div><\/div><\/div><\/div>\n<div class=\"col-md-12 col-sm-12 col-xs-12 pt-cv-content-item pt-cv-1-col\" ><div class='pt-cv-ifield'><a href=\"https:\/\/www.dmsjuridica.com\/buscador_20179478954\/corteconstitucionalcronologico202454587\/t-1357-00\/\" class=\"_self pt-cv-href-thumbnail pt-cv-thumb-default\" target=\"_self\" ><\/a>\n<div class=\"pt-cv-taxoterm above_title\"><a href='https:\/\/www.dmsjuridica.com\/buscador_20179478954\/corteconstitucionalcronologico202454587\/category\/buscar-en-toda-la-corte\/2000\/tutelas-2000\/' title='Tutelas 2000' class='pt-cv-tax-tutelas-2000'>Tutelas 2000<\/a><\/div>\n<h4 class=\"pt-cv-title\"><a href=\"https:\/\/www.dmsjuridica.com\/buscador_20179478954\/corteconstitucionalcronologico202454587\/t-1357-00\/\" class=\"_self\" target=\"_self\" >T-1357-00<\/a><\/h4>\n<div class=\"pt-cv-content\">\u00a0 \u00a0 Sentencia T-1357\/00 \u00a0 ACCION DE TUTELA-Hecho superado por pago de acreencias laborales \u00a0 Reiteraci\u00f3n de Jurisprudencia - \u00a0 Referencia: expediente T-335589 \u00a0 Acci\u00f3n de tutela interpuesta por \u00a0Gloria Milena Mu\u00f1oz Vanegas, contra INESCO Ltda. \u00a0 \u00a0 Magistrado Ponente: \u00a0 Dr. FABIO MORON DIAZ\u00a0 \u00a0 Bogot\u00e1, D.C., nueve (9) de octubre del dos mil (2000). \u00a0 \u00a0 \u00a0 La Sala S\u00e9ptima de Revisi\u00f3n de Tutelas de la Corte Constitucional, integrada por los Magistrados CRISTINA PARDO SCHLESINGER (e), ALVARO TAFUR GALVIS y FABIO MORON DIAZ, en ejercicio de sus competencias constitucionales y legales, ha proferido la siguiente \u00a0 SENTENCIA \u00a0 ...<br \/><div class=\"pt-cv-rmwrap\"><a href=\"https:\/\/www.dmsjuridica.com\/buscador_20179478954\/corteconstitucionalcronologico202454587\/t-1357-00\/\" class=\"_self pt-cv-readmore btn btn-success\" target=\"_self\">Ver Sentencia Completa...<\/a><\/div><\/div><\/div><\/div>\n<div class=\"col-md-12 col-sm-12 col-xs-12 pt-cv-content-item pt-cv-1-col\" ><div class='pt-cv-ifield'><a href=\"https:\/\/www.dmsjuridica.com\/buscador_20179478954\/corteconstitucionalcronologico202454587\/t-1356-00\/\" class=\"_self pt-cv-href-thumbnail pt-cv-thumb-default\" target=\"_self\" ><\/a>\n<div class=\"pt-cv-taxoterm above_title\"><a href='https:\/\/www.dmsjuridica.com\/buscador_20179478954\/corteconstitucionalcronologico202454587\/category\/buscar-en-toda-la-corte\/2000\/tutelas-2000\/' title='Tutelas 2000' class='pt-cv-tax-tutelas-2000'>Tutelas 2000<\/a><\/div>\n<h4 class=\"pt-cv-title\"><a href=\"https:\/\/www.dmsjuridica.com\/buscador_20179478954\/corteconstitucionalcronologico202454587\/t-1356-00\/\" class=\"_self\" target=\"_self\" >T-1356-00<\/a><\/h4>\n<div class=\"pt-cv-content\">\u00a0 \u00a0 Sentencia T-1356\/00 \u00a0 EDUCACION-Funci\u00f3n social\/EDUCACION-Derecho deber \u00a0 DERECHO A LA EDUCACION-Retenci\u00f3n certificado de estudios por no pago de pensi\u00f3n \u00a0 DERECHO A LA EDUCACION-Padres de familia no pueden abusar de sus derechos e incurrir en cultura del no pago \u00a0 Referencia: expediente T-331218 \u00a0 Acci\u00f3n de tutela interpuesta por Marco Fidel Vargas Vargas, contra el Colegio Nuestra Se\u00f1ora De La Consolacion \u00a0 Magistrado Ponente: \u00a0 Bogot\u00e1, D.C., octubre nueve (9) de dos mil (2000) \u00a0\u00a0 \u00a0 \u00a0 \u00a0 La Sala S\u00e9ptima de Revisi\u00f3n de Tutelas de la Corte Constitucional, integrada por los Magistrados CRISTINA PARDO SCHLESINGER (e), ALVARO ...<br \/><div class=\"pt-cv-rmwrap\"><a href=\"https:\/\/www.dmsjuridica.com\/buscador_20179478954\/corteconstitucionalcronologico202454587\/t-1356-00\/\" class=\"_self pt-cv-readmore btn btn-success\" target=\"_self\">Ver Sentencia Completa...<\/a><\/div><\/div><\/div><\/div>\n<div class=\"col-md-12 col-sm-12 col-xs-12 pt-cv-content-item pt-cv-1-col\" ><div class='pt-cv-ifield'><a href=\"https:\/\/www.dmsjuridica.com\/buscador_20179478954\/corteconstitucionalcronologico202454587\/t-1355-00\/\" class=\"_self pt-cv-href-thumbnail pt-cv-thumb-default\" target=\"_self\" ><\/a>\n<div class=\"pt-cv-taxoterm above_title\"><a href='https:\/\/www.dmsjuridica.com\/buscador_20179478954\/corteconstitucionalcronologico202454587\/category\/buscar-en-toda-la-corte\/2000\/tutelas-2000\/' title='Tutelas 2000' class='pt-cv-tax-tutelas-2000'>Tutelas 2000<\/a><\/div>\n<h4 class=\"pt-cv-title\"><a href=\"https:\/\/www.dmsjuridica.com\/buscador_20179478954\/corteconstitucionalcronologico202454587\/t-1355-00\/\" class=\"_self\" target=\"_self\" >T-1355-00<\/a><\/h4>\n<div class=\"pt-cv-content\">\u00a0 \u00a0 Sentencia T-1355\/00 \u00a0 LICENCIA DE MATERNIDAD-Procedencia excepcional de tutela para el pago \u00a0 PRINCIPIO DE FAVORABILIDAD NORMATIVA EN MATERIA DE LICENCIA DE MATERNIDAD-Pago \u00a0 Referencia: expediente T-324842 \u00a0 Acci\u00f3n de tutela interpuesta por Gloria Liliana Chavarria contra el Instituto de los Seguros Sociales, Seccional Medell\u00edn. \u00a0 Dr. FABIO MORON DIAZ. \u00a0 Bogot\u00e1, D.C., octubre cinco (5) del 2.000 \u00a0 La Sala S\u00e9ptima de Revisi\u00f3n de Tutelas de la Corte Constitucional, integrada por los Magistrados CRISTINA PARDO SCHLESINGER (e), ALVARO TAFUR GALVIS y FABIO MORON DIAZ, en ejercicio de sus competencias constitucionales y legales, ha proferido la siguiente \u00a0 ...<br \/><div class=\"pt-cv-rmwrap\"><a href=\"https:\/\/www.dmsjuridica.com\/buscador_20179478954\/corteconstitucionalcronologico202454587\/t-1355-00\/\" class=\"_self pt-cv-readmore btn btn-success\" target=\"_self\">Ver Sentencia Completa...<\/a><\/div><\/div><\/div><\/div>\n<div class=\"col-md-12 col-sm-12 col-xs-12 pt-cv-content-item pt-cv-1-col\" ><div class='pt-cv-ifield'><a href=\"https:\/\/www.dmsjuridica.com\/buscador_20179478954\/corteconstitucionalcronologico202454587\/t-1353-00\/\" class=\"_self pt-cv-href-thumbnail pt-cv-thumb-default\" target=\"_self\" ><\/a>\n<div class=\"pt-cv-taxoterm above_title\"><a href='https:\/\/www.dmsjuridica.com\/buscador_20179478954\/corteconstitucionalcronologico202454587\/category\/buscar-en-toda-la-corte\/2000\/tutelas-2000\/' title='Tutelas 2000' class='pt-cv-tax-tutelas-2000'>Tutelas 2000<\/a><\/div>\n<h4 class=\"pt-cv-title\"><a href=\"https:\/\/www.dmsjuridica.com\/buscador_20179478954\/corteconstitucionalcronologico202454587\/t-1353-00\/\" class=\"_self\" target=\"_self\" >T-1353-00<\/a><\/h4>\n<div class=\"pt-cv-content\">\u00a0 \u00a0 {p} \u00a0 EXPEDIENTE \u00a0 T-321.124 y otros. \u00a0 \u00a0 \u00a0 Sentencia T-1353\/00 \u00a0 JUEZ CONSTITUCIONAL-Improcedencia para sustituir a las autoridades en las competencias asignadas por la Constituci\u00f3n Pol\u00edtica \u00a0 GOBIERNO NACIONAL-Formulaci\u00f3n anual del presupuesto y ley de apropiaciones\/JUEZ DE TUTELA-Imposibilidad de modificar presupuesto para incremento salarial de servidores p\u00fablicos \u00a0 ACCION DE TUTELA COMO MECANISMO TRANSITORIO-Improcedencia incremento salarial para servidores p\u00fablicos \u00a0 Referencia: expedientes T-321.124 y otros.\u00a0 \u00a0 Acci\u00f3n de tutela de Ren\u00e9 Alejandro Puerta Restrepo \u00a0y otros. \u00a0 \u00a0 Procedencia: Juzgado Segundo Civil del Circuito y otros despachos judiciales.\u00a0 \u00a0 \u00a0\u00a0 \u00a0 Magistrado Ponente:\u00a0 \u00a0 Dr. ALFREDO ...<br \/><div class=\"pt-cv-rmwrap\"><a href=\"https:\/\/www.dmsjuridica.com\/buscador_20179478954\/corteconstitucionalcronologico202454587\/t-1353-00\/\" class=\"_self pt-cv-readmore btn btn-success\" target=\"_self\">Ver Sentencia Completa...<\/a><\/div><\/div><\/div><\/div>\n<div class=\"col-md-12 col-sm-12 col-xs-12 pt-cv-content-item pt-cv-1-col\" ><div class='pt-cv-ifield'><a href=\"https:\/\/www.dmsjuridica.com\/buscador_20179478954\/corteconstitucionalcronologico202454587\/t-1352-00\/\" class=\"_self pt-cv-href-thumbnail pt-cv-thumb-default\" target=\"_self\" ><\/a>\n<div class=\"pt-cv-taxoterm above_title\"><a href='https:\/\/www.dmsjuridica.com\/buscador_20179478954\/corteconstitucionalcronologico202454587\/category\/buscar-en-toda-la-corte\/2000\/tutelas-2000\/' title='Tutelas 2000' class='pt-cv-tax-tutelas-2000'>Tutelas 2000<\/a><\/div>\n<h4 class=\"pt-cv-title\"><a href=\"https:\/\/www.dmsjuridica.com\/buscador_20179478954\/corteconstitucionalcronologico202454587\/t-1352-00\/\" class=\"_self\" target=\"_self\" >T-1352-00<\/a><\/h4>\n<div class=\"pt-cv-content\">\u00a0 \u00a0 Sentencia T-1352\/00 \u00a0 DERECHO DE DEFENSA-Ejercicio\/ACCION DE TUTELA-Improcedencia para revivir etapas procesales finalizadas \u00a0 Despu\u00e9s de analizar todo el proceso laboral ha que se ha hecho referencia in extenso en esta sentencia, se puede f\u00e1cilmente concluir, que el demandante ejerci\u00f3 a plenitud su derecho de defensa en todas las etapas del proceso, tal como lo se\u00f1alan los jueces constitucionales de primera y segunda instancia, esto es, se practicaron las pruebas que en su oportunidad probatoria solicitaron ambas partes; as\u00ed mismo, ejerci\u00f3 los recursos ordinarios establecidos en la ley y, adicionalmente, el recurso extraordinario de casaci\u00f3n, en el cual ...<br \/><div class=\"pt-cv-rmwrap\"><a href=\"https:\/\/www.dmsjuridica.com\/buscador_20179478954\/corteconstitucionalcronologico202454587\/t-1352-00\/\" class=\"_self pt-cv-readmore btn btn-success\" target=\"_self\">Ver Sentencia Completa...<\/a><\/div><\/div><\/div><\/div>\n<div class=\"col-md-12 col-sm-12 col-xs-12 pt-cv-content-item pt-cv-1-col\" ><div class='pt-cv-ifield'><a href=\"https:\/\/www.dmsjuridica.com\/buscador_20179478954\/corteconstitucionalcronologico202454587\/t-1351-00\/\" class=\"_self pt-cv-href-thumbnail pt-cv-thumb-default\" target=\"_self\" ><\/a>\n<div class=\"pt-cv-taxoterm above_title\"><a href='https:\/\/www.dmsjuridica.com\/buscador_20179478954\/corteconstitucionalcronologico202454587\/category\/buscar-en-toda-la-corte\/2000\/tutelas-2000\/' title='Tutelas 2000' class='pt-cv-tax-tutelas-2000'>Tutelas 2000<\/a><\/div>\n<h4 class=\"pt-cv-title\"><a href=\"https:\/\/www.dmsjuridica.com\/buscador_20179478954\/corteconstitucionalcronologico202454587\/t-1351-00\/\" class=\"_self\" target=\"_self\" >T-1351-00<\/a><\/h4>\n<div class=\"pt-cv-content\">\u00a0 \u00a0 Sentencia T-1351\/00 \u00a0 EMPLEADOR-Mora en el pago de aportes\/EMPLEADOR-Asunci\u00f3n servicio de salud por mora en aportes \u00a0 Referencia: expediente T-325256 \u00a0 \u00a0 \u00a0 \u00a0 \u00a0 Acci\u00f3n de tutela instaurada por Pedro Torres Villamizar contra el ISS. \u00a0 Tema: \u00a0 Suspensi\u00f3n de la atenci\u00f3n en salud por mora en el pago de los aportes por parte de empresa en liquidaci\u00f3n \u00a0 Magistrado Ponente: \u00a0 Dr. FABIO MORON DIAZ\u00a0 \u00a0 Bogot\u00e1, D.C., octubre cinco (5) del dos mil (2000) \u00a0\u00a0 \u00a0 \u00a0 \u00a0 La Sala S\u00e9ptima de Revisi\u00f3n de Tutelas de la Corte Constitucional, integrada por los Magistrados CRISTINA PARDO ...<br \/><div class=\"pt-cv-rmwrap\"><a href=\"https:\/\/www.dmsjuridica.com\/buscador_20179478954\/corteconstitucionalcronologico202454587\/t-1351-00\/\" class=\"_self pt-cv-readmore btn btn-success\" target=\"_self\">Ver Sentencia Completa...<\/a><\/div><\/div><\/div><\/div>\n<div class=\"col-md-12 col-sm-12 col-xs-12 pt-cv-content-item pt-cv-1-col\" ><div class='pt-cv-ifield'><a href=\"https:\/\/www.dmsjuridica.com\/buscador_20179478954\/corteconstitucionalcronologico202454587\/t-1350-00\/\" class=\"_self pt-cv-href-thumbnail pt-cv-thumb-default\" target=\"_self\" ><\/a>\n<div class=\"pt-cv-taxoterm above_title\"><a href='https:\/\/www.dmsjuridica.com\/buscador_20179478954\/corteconstitucionalcronologico202454587\/category\/buscar-en-toda-la-corte\/2000\/tutelas-2000\/' title='Tutelas 2000' class='pt-cv-tax-tutelas-2000'>Tutelas 2000<\/a><\/div>\n<h4 class=\"pt-cv-title\"><a href=\"https:\/\/www.dmsjuridica.com\/buscador_20179478954\/corteconstitucionalcronologico202454587\/t-1350-00\/\" class=\"_self\" target=\"_self\" >T-1350-00<\/a><\/h4>\n<div class=\"pt-cv-content\">\u00a0 \u00a0 Sentencia T-1350\/00 \u00a0 DERECHO AL PAGO OPORTUNO DEL SALARIO-Fundamental \u00a0 SALARIO-Sumas que deben integrarse para efectos del significado y pago oportuno \u00a0 REMUNERACION MINIMA VITAL Y MOVIL-Medici\u00f3n que no agota el concepto \u00a0 REMUNERACION MINIMA VITAL Y MOVIL-No debe limitarse protecci\u00f3n a retribuci\u00f3n m\u00ednima del trabajo \u00a0 DERECHO AL PAGO OPORTUNO DEL SALARIO-Determinaci\u00f3n de cantidades debidas y \u00f3rdenes del juez \u00a0 EMPLEADOR-Situaci\u00f3n econ\u00f3mica o presupuestal no es \u00f3bice para desconocer pago de salarios \u00a0 Referencia: expediente T-324905 \u00a0 Acci\u00f3n de tutela instaurada por Jhonny Manuel Quejada y Cesar Augusto Vargas contra la Cooperativa Multiactiva de Servicios \u00a0de Turbo ...<br \/><div class=\"pt-cv-rmwrap\"><a href=\"https:\/\/www.dmsjuridica.com\/buscador_20179478954\/corteconstitucionalcronologico202454587\/t-1350-00\/\" class=\"_self pt-cv-readmore btn btn-success\" target=\"_self\">Ver Sentencia Completa...<\/a><\/div><\/div><\/div><\/div>\n<div class=\"col-md-12 col-sm-12 col-xs-12 pt-cv-content-item pt-cv-1-col\" ><div class='pt-cv-ifield'><a href=\"https:\/\/www.dmsjuridica.com\/buscador_20179478954\/corteconstitucionalcronologico202454587\/t-135-00\/\" class=\"_self pt-cv-href-thumbnail pt-cv-thumb-default\" target=\"_self\" ><\/a>\n<div class=\"pt-cv-taxoterm above_title\"><a href='https:\/\/www.dmsjuridica.com\/buscador_20179478954\/corteconstitucionalcronologico202454587\/category\/buscar-en-toda-la-corte\/2000\/tutelas-2000\/' title='Tutelas 2000' class='pt-cv-tax-tutelas-2000'>Tutelas 2000<\/a><\/div>\n<h4 class=\"pt-cv-title\"><a href=\"https:\/\/www.dmsjuridica.com\/buscador_20179478954\/corteconstitucionalcronologico202454587\/t-135-00\/\" class=\"_self\" target=\"_self\" >T-135-00<\/a><\/h4>\n<div class=\"pt-cv-content\">\u00a0 \u00a0 Sentencia T-135\/00 \u00a0 DERECHO DE PARTICIPACION EN NIVEL LOCAL-Alcance \u00a0 DERECHO DE PARTICIPACION EN LA CONFORMACION, EJERCICIO Y CONTROL DEL PODER POLITICO-Residentes en el municipio\/CENSO ELECTORAL EN MUNICIPIO-Actuaci\u00f3n irregular por inclusi\u00f3n de personas no residentes en el lugar\u00a0 \u00a0 El derecho a participar en la conformaci\u00f3n, ejercicio y control del poder pol\u00edtico, se radica en cabeza de todos los ciudadanos, pero est\u00e1 expresamente limitado por la Carta Pol\u00edtica a los residentes en el municipio, cuando se refiere a la elecci\u00f3n de las autoridades locales o la decisi\u00f3n de asuntos del mismo car\u00e1cter, pues el Constituyente colombiano encontr\u00f3 que ...<br \/><div class=\"pt-cv-rmwrap\"><a href=\"https:\/\/www.dmsjuridica.com\/buscador_20179478954\/corteconstitucionalcronologico202454587\/t-135-00\/\" class=\"_self pt-cv-readmore btn btn-success\" target=\"_self\">Ver Sentencia Completa...<\/a><\/div><\/div><\/div><\/div>\n<div class=\"col-md-12 col-sm-12 col-xs-12 pt-cv-content-item pt-cv-1-col\" ><div class='pt-cv-ifield'><a href=\"https:\/\/www.dmsjuridica.com\/buscador_20179478954\/corteconstitucionalcronologico202454587\/t-1349-00\/\" class=\"_self pt-cv-href-thumbnail pt-cv-thumb-default\" target=\"_self\" ><\/a>\n<div class=\"pt-cv-taxoterm above_title\"><a href='https:\/\/www.dmsjuridica.com\/buscador_20179478954\/corteconstitucionalcronologico202454587\/category\/buscar-en-toda-la-corte\/2000\/tutelas-2000\/' title='Tutelas 2000' class='pt-cv-tax-tutelas-2000'>Tutelas 2000<\/a><\/div>\n<h4 class=\"pt-cv-title\"><a href=\"https:\/\/www.dmsjuridica.com\/buscador_20179478954\/corteconstitucionalcronologico202454587\/t-1349-00\/\" class=\"_self\" target=\"_self\" >T-1349-00<\/a><\/h4>\n<div class=\"pt-cv-content\">\u00a0 \u00a0 Sentencia T-1349\/00 \u00a0 DERECHO AL PAGO OPORTUNO DEL SALARIO-Fundamental \u00a0 SALARIO-Sumas que deben integrarse para efectos del significado y pago oportuno \u00a0 REMUNERACION MINIMA VITAL Y MOVIL-Medici\u00f3n que no agota el concepto \u00a0 REMUNERACION MINIMA VITAL Y MOVIL-No debe limitarse protecci\u00f3n a retribuci\u00f3n m\u00ednima del trabajo \u00a0 DERECHO AL MINIMO VITAL DEL TRABAJADOR-Ordenes que puede emitir el juez de tutela para el pago de salarios o mesadas \u00a0 EMPLEADOR-Situaci\u00f3n econ\u00f3mica o presupuestal no es \u00f3bice para desconocer pago de salarios \u00a0 MEDIO DE DEFENSA JUDICIAL EFICAZ-Pago de acreencias laborales \u00a0 DERECHO AL MINIMO VITAL DEL TRABAJADOR-Pago de salarios ...<br \/><div class=\"pt-cv-rmwrap\"><a href=\"https:\/\/www.dmsjuridica.com\/buscador_20179478954\/corteconstitucionalcronologico202454587\/t-1349-00\/\" class=\"_self pt-cv-readmore btn btn-success\" target=\"_self\">Ver Sentencia Completa...<\/a><\/div><\/div><\/div><\/div>\n<div class=\"col-md-12 col-sm-12 col-xs-12 pt-cv-content-item pt-cv-1-col\" ><div class='pt-cv-ifield'><a href=\"https:\/\/www.dmsjuridica.com\/buscador_20179478954\/corteconstitucionalcronologico202454587\/t-1348-00\/\" class=\"_self pt-cv-href-thumbnail pt-cv-thumb-default\" target=\"_self\" ><\/a>\n<div class=\"pt-cv-taxoterm above_title\"><a href='https:\/\/www.dmsjuridica.com\/buscador_20179478954\/corteconstitucionalcronologico202454587\/category\/buscar-en-toda-la-corte\/2000\/tutelas-2000\/' title='Tutelas 2000' class='pt-cv-tax-tutelas-2000'>Tutelas 2000<\/a><\/div>\n<h4 class=\"pt-cv-title\"><a href=\"https:\/\/www.dmsjuridica.com\/buscador_20179478954\/corteconstitucionalcronologico202454587\/t-1348-00\/\" class=\"_self\" target=\"_self\" >T-1348-00<\/a><\/h4>\n<div class=\"pt-cv-content\">\u00a0 \u00a0 Sentencia T-1348\/00 \u00a0 GOBIERNO NACIONAL-Formulaci\u00f3n anual del presupuesto y ley de apropiaciones\/JUEZ DE TUTELA-Imposibilidad de modificar presupuesto para incremento salarial de servidores p\u00fablicos \u00a0 ACCION DE TUTELA TRANSITORIA-Improcedencia incremento salarial para servidores p\u00fablicos \u00a0 Reiteraci\u00f3n de Jurisprudencia \u00a0 Referencia: expedientes T-333065 y acumulados \u00a0 Peticionario: Ruth Marina Maldonado Carrillo y otros. \u00a0 Magistrada Ponente (E): \u00a0 Dra. MARTHA VICTORIA S\u00c1CHICA M\u00c9NDEZ\u00a0 \u00a0 Bogot\u00e1, D.C., cuatro (4) de octubre de dos mil (2000). \u00a0 Los ciudadanos Ruth Marina Maldonado Carrillo y cerca de 1.500 demandantes cuyos nombres se relacionan en cuadros anexos al presente fallo, instauraron acci\u00f3n de tutela ...<br \/><div class=\"pt-cv-rmwrap\"><a href=\"https:\/\/www.dmsjuridica.com\/buscador_20179478954\/corteconstitucionalcronologico202454587\/t-1348-00\/\" class=\"_self pt-cv-readmore btn btn-success\" target=\"_self\">Ver Sentencia Completa...<\/a><\/div><\/div><\/div><\/div>\n<div class=\"col-md-12 col-sm-12 col-xs-12 pt-cv-content-item pt-cv-1-col\" ><div class='pt-cv-ifield'><a href=\"https:\/\/www.dmsjuridica.com\/buscador_20179478954\/corteconstitucionalcronologico202454587\/t-1347-00\/\" class=\"_self pt-cv-href-thumbnail pt-cv-thumb-default\" target=\"_self\" ><\/a>\n<div class=\"pt-cv-taxoterm above_title\"><a href='https:\/\/www.dmsjuridica.com\/buscador_20179478954\/corteconstitucionalcronologico202454587\/category\/buscar-en-toda-la-corte\/2000\/tutelas-2000\/' title='Tutelas 2000' class='pt-cv-tax-tutelas-2000'>Tutelas 2000<\/a><\/div>\n<h4 class=\"pt-cv-title\"><a href=\"https:\/\/www.dmsjuridica.com\/buscador_20179478954\/corteconstitucionalcronologico202454587\/t-1347-00\/\" class=\"_self\" target=\"_self\" >T-1347-00<\/a><\/h4>\n<div class=\"pt-cv-content\">\u00a0 \u00a0 Sentencia T-1347\/00 \u00a0 DERECHO A LA SALUD-No se pueden oponer periodos m\u00ednimos de cotizaci\u00f3n ante situaciones de urgencia \u00a0 DERECHO A LA DIGNIDAD HUMANA-Omisi\u00f3n de cirug\u00eda que ocasiona dolor \u00a0 DERECHO A LA SALUD-Conexidad con la vida \u00a0 \u00a0 \u00a0 \u00a0 \u00a0\u00a0 \u00a0 Reiteraci\u00f3n de jurisprudencia \u00a0 Referencia: expediente T-270122 \u00a0 Acci\u00f3n de tutela instaurada por Willinton Carrillo G\u00f3mez contra el Fondo de Pasivo Social de Ferrocarriles Nacionales de Colombia, Divisi\u00f3n de Servicios Asistenciales. \u00a0 Magistrado Ponente: \u00a0 Dr. ALVARO TAFUR GALVIS\u00a0 \u00a0 Bogot\u00e1, D.C., a los dos (2) d\u00edas del mes de octubre de dos mil (2000) ...<br \/><div class=\"pt-cv-rmwrap\"><a href=\"https:\/\/www.dmsjuridica.com\/buscador_20179478954\/corteconstitucionalcronologico202454587\/t-1347-00\/\" class=\"_self pt-cv-readmore btn btn-success\" target=\"_self\">Ver Sentencia Completa...<\/a><\/div><\/div><\/div><\/div>\n<div class=\"col-md-12 col-sm-12 col-xs-12 pt-cv-content-item pt-cv-1-col\" ><div class='pt-cv-ifield'><a href=\"https:\/\/www.dmsjuridica.com\/buscador_20179478954\/corteconstitucionalcronologico202454587\/t-1346-00\/\" class=\"_self pt-cv-href-thumbnail pt-cv-thumb-default\" target=\"_self\" ><\/a>\n<div class=\"pt-cv-taxoterm above_title\"><a href='https:\/\/www.dmsjuridica.com\/buscador_20179478954\/corteconstitucionalcronologico202454587\/category\/buscar-en-toda-la-corte\/2000\/tutelas-2000\/' title='Tutelas 2000' class='pt-cv-tax-tutelas-2000'>Tutelas 2000<\/a><\/div>\n<h4 class=\"pt-cv-title\"><a href=\"https:\/\/www.dmsjuridica.com\/buscador_20179478954\/corteconstitucionalcronologico202454587\/t-1346-00\/\" class=\"_self\" target=\"_self\" >T-1346-00<\/a><\/h4>\n<div class=\"pt-cv-content\">\u00a0 \u00a0 Sentencia T-1346\/00 \u00a0 DERECHO A LA SALUD DEL NI\u00d1O-Fundamental \u00a0 DERECHO A LA SALUD DEL NI\u00d1O-Realizaci\u00f3n examen de otorrinoralingolog\u00eda \u00a0 \u00a0 \u00a0 \u00a0 \u00a0\u00a0 \u00a0 Reiteraci\u00f3n de jurisprudencia \u00a0 Referencia: expediente T-270215 \u00a0 Acci\u00f3n de tutela instaurada por Albani Ram\u00edrez Morales en representaci\u00f3n de su hija Vanessa Villegas Ram\u00edrez, contra el Instituto de los Seguros Sociales, Seccional Caldas. \u00a0 Magistrado Ponente: \u00a0 Dr. ALVARO TAFUR GALVIS\u00a0 \u00a0 Bogot\u00e1, D.C., a los \u00a0dos (2) d\u00edas del mes de octubre de dos mil (2000). \u00a0 La Sala Novena de Revisi\u00f3n de la Corte Constitucional, en ejercicio de sus competencias constitucionales ...<br \/><div class=\"pt-cv-rmwrap\"><a href=\"https:\/\/www.dmsjuridica.com\/buscador_20179478954\/corteconstitucionalcronologico202454587\/t-1346-00\/\" class=\"_self pt-cv-readmore btn btn-success\" target=\"_self\">Ver Sentencia Completa...<\/a><\/div><\/div><\/div><\/div>\n<div class=\"col-md-12 col-sm-12 col-xs-12 pt-cv-content-item pt-cv-1-col\" ><div class='pt-cv-ifield'><a href=\"https:\/\/www.dmsjuridica.com\/buscador_20179478954\/corteconstitucionalcronologico202454587\/t-134-00\/\" class=\"_self pt-cv-href-thumbnail pt-cv-thumb-default\" target=\"_self\" ><\/a>\n<div class=\"pt-cv-taxoterm above_title\"><a href='https:\/\/www.dmsjuridica.com\/buscador_20179478954\/corteconstitucionalcronologico202454587\/category\/buscar-en-toda-la-corte\/2000\/tutelas-2000\/' title='Tutelas 2000' class='pt-cv-tax-tutelas-2000'>Tutelas 2000<\/a><\/div>\n<h4 class=\"pt-cv-title\"><a href=\"https:\/\/www.dmsjuridica.com\/buscador_20179478954\/corteconstitucionalcronologico202454587\/t-134-00\/\" class=\"_self\" target=\"_self\" >T-134-00<\/a><\/h4>\n<div class=\"pt-cv-content\">\u00a0 \u00a0 Sentencia T-134\/00 \u00a0 DERECHO DE PETICION-N\u00facleo esencial \u00a0 Reiteraci\u00f3n de Jurisprudencia \u00a0 Referencia: expediente T-277612 \u00a0 Actor: Hector Enrique Jara Torres \u00a0 Magistrado Ponente: \u00a0 Dr. EDUARDO CIFUENTES MU\u00d1OZ \u00a0 Santa Fe de Bogot\u00e1, D.C., diecisiete (17) de febrero de dos mil (2000) \u00a0 Hector Enrique Jara Torres, interpone acci\u00f3n de tutela en contra del Seguro Social, seccional Cartagena Bol\u00edvar, por violaci\u00f3n de sus derechos fundamentales a la igualdad, a la familia y a la seguridad social. \u00a0Explica que el d\u00eda 6 de agosto de 1998 radic\u00f3 los documentos para acceder a la pensi\u00f3n de vejez. \u00a0Al momento ...<br \/><div class=\"pt-cv-rmwrap\"><a href=\"https:\/\/www.dmsjuridica.com\/buscador_20179478954\/corteconstitucionalcronologico202454587\/t-134-00\/\" class=\"_self pt-cv-readmore btn btn-success\" target=\"_self\">Ver Sentencia Completa...<\/a><\/div><\/div><\/div><\/div>\n<div class=\"col-md-12 col-sm-12 col-xs-12 pt-cv-content-item pt-cv-1-col\" ><div class='pt-cv-ifield'><a href=\"https:\/\/www.dmsjuridica.com\/buscador_20179478954\/corteconstitucionalcronologico202454587\/t-1331-00\/\" class=\"_self pt-cv-href-thumbnail pt-cv-thumb-default\" target=\"_self\" ><\/a>\n<div class=\"pt-cv-taxoterm above_title\"><a href='https:\/\/www.dmsjuridica.com\/buscador_20179478954\/corteconstitucionalcronologico202454587\/category\/buscar-en-toda-la-corte\/2000\/tutelas-2000\/' title='Tutelas 2000' class='pt-cv-tax-tutelas-2000'>Tutelas 2000<\/a><\/div>\n<h4 class=\"pt-cv-title\"><a href=\"https:\/\/www.dmsjuridica.com\/buscador_20179478954\/corteconstitucionalcronologico202454587\/t-1331-00\/\" class=\"_self\" target=\"_self\" >T-1331-00<\/a><\/h4>\n<div class=\"pt-cv-content\">\u00a0 \u00a0 Sentencia T-1331\/00 \u00a0 DERECHO A LA SALUD-Fundamental por conexidad con la vida \u00a0 DERECHO A LA SALUD DEL NI\u00d1O-Fundamental \u00a0 REGIMEN SUBSIDIADO DE SEGURIDAD SOCIAL EN SALUD-Desarrollo legal\/REGIMEN SUBSIDIADO DE SEGURIDAD SOCIAL EN SALUD-Alcance \u00a0 Referencia: expediente T-310.305 \u00a0 Acci\u00f3n de tutela instaurada por Rafael Daniel Verona T\u00e1mara contra el Hospital Universitario San Vicente de Paul \u00a0 Magistrado Ponente:\u00a0 \u00a0 Dr. ALEJANDRO MART\u00cdNEZ CABALLERO \u00a0 Bogot\u00e1, tres (3) de octubre de dos mil (2000) \u00a0 La Sala Sexta de Revisi\u00f3n de la Corte Constitucional, en ejercicio de sus competencias constitucionales y legales, ha proferido Sentencia en la acci\u00f3n ...<br \/><div class=\"pt-cv-rmwrap\"><a href=\"https:\/\/www.dmsjuridica.com\/buscador_20179478954\/corteconstitucionalcronologico202454587\/t-1331-00\/\" class=\"_self pt-cv-readmore btn btn-success\" target=\"_self\">Ver Sentencia Completa...<\/a><\/div><\/div><\/div><\/div>\n<div class=\"col-md-12 col-sm-12 col-xs-12 pt-cv-content-item pt-cv-1-col\" ><div class='pt-cv-ifield'><a href=\"https:\/\/www.dmsjuridica.com\/buscador_20179478954\/corteconstitucionalcronologico202454587\/t-1330-00\/\" class=\"_self pt-cv-href-thumbnail pt-cv-thumb-default\" target=\"_self\" ><\/a>\n<div class=\"pt-cv-taxoterm above_title\"><a href='https:\/\/www.dmsjuridica.com\/buscador_20179478954\/corteconstitucionalcronologico202454587\/category\/buscar-en-toda-la-corte\/2000\/tutelas-2000\/' title='Tutelas 2000' class='pt-cv-tax-tutelas-2000'>Tutelas 2000<\/a><\/div>\n<h4 class=\"pt-cv-title\"><a href=\"https:\/\/www.dmsjuridica.com\/buscador_20179478954\/corteconstitucionalcronologico202454587\/t-1330-00\/\" class=\"_self\" target=\"_self\" >T-1330-00<\/a><\/h4>\n<div class=\"pt-cv-content\">\u00a0 \u00a0 Sentencia T-1330\/00 \u00a0 GASTO PUBLICO SOCIAL EN EDUCACION-Prioridad y ejecuci\u00f3n \u00a0 DERECHO A LA EDUCACION DE ESTUDIANTES SOBRESALIENTES-Vulneraci\u00f3n por omisi\u00f3n del ICETEX en desembolso de dinero \u00a0 La situaci\u00f3n que aqu\u00ed se presenta es muy grave, ya que el accionante est\u00e1 cursando el segundo semestre de Ingenier\u00eda Industrial en la Universidad de Antioquia, sin que el ICETEX hubiera hecho los desembolsos a que se hizo acreedor para realizar esos estudios, y no contando con los medios econ\u00f3micos para asumir los costos acad\u00e9micos y los que acarrean su manutenci\u00f3n en una ciudad diferente a la de su residencia, se ...<br \/><div class=\"pt-cv-rmwrap\"><a href=\"https:\/\/www.dmsjuridica.com\/buscador_20179478954\/corteconstitucionalcronologico202454587\/t-1330-00\/\" class=\"_self pt-cv-readmore btn btn-success\" target=\"_self\">Ver Sentencia Completa...<\/a><\/div><\/div><\/div><\/div>\n<div class=\"col-md-12 col-sm-12 col-xs-12 pt-cv-content-item pt-cv-1-col\" ><div class='pt-cv-ifield'><a href=\"https:\/\/www.dmsjuridica.com\/buscador_20179478954\/corteconstitucionalcronologico202454587\/t-133-00\/\" class=\"_self pt-cv-href-thumbnail pt-cv-thumb-default\" target=\"_self\" ><\/a>\n<div class=\"pt-cv-taxoterm above_title\"><a href='https:\/\/www.dmsjuridica.com\/buscador_20179478954\/corteconstitucionalcronologico202454587\/category\/buscar-en-toda-la-corte\/2000\/tutelas-2000\/' title='Tutelas 2000' class='pt-cv-tax-tutelas-2000'>Tutelas 2000<\/a><\/div>\n<h4 class=\"pt-cv-title\"><a href=\"https:\/\/www.dmsjuridica.com\/buscador_20179478954\/corteconstitucionalcronologico202454587\/t-133-00\/\" class=\"_self\" target=\"_self\" >T-133-00<\/a><\/h4>\n<div class=\"pt-cv-content\">\u00a0 \u00a0 Sentencia T-133\/00 \u00a0 PRINCIPIO DE CONTINUIDAD EN EL SERVICIO DE SALUD-Mora en el pago de aportes por empleador\/PRINCIPIO DE GARANTIA A LA SEGURIDAD SOCIAL-Mora en pago de aportes por empleador \u00a0 Reiteraci\u00f3n de Jurisprudencia \u00a0 Referencia: expediente T-278672 \u00a0 Actor: Luis Roberto Rodriguez Ruz \u00a0 Magistrado Ponente: \u00a0 Dr. EDUARDO CIFUENTES MU\u00d1OZ \u00a0 Santa Fe de Bogot\u00e1, D.C., diecisiete (17) de febrero de dos mil (2000) \u00a0 Luis Roberto Rodr\u00edguez Ruz interpone acci\u00f3n de tutela contra Saludcoop E.P.S.O.C. \u00a0Relata el demandante que la demandada, a pesar de que su patrono le hace los descuentos, decidi\u00f3 suspender el servicio ...<br \/><div class=\"pt-cv-rmwrap\"><a href=\"https:\/\/www.dmsjuridica.com\/buscador_20179478954\/corteconstitucionalcronologico202454587\/t-133-00\/\" class=\"_self pt-cv-readmore btn btn-success\" target=\"_self\">Ver Sentencia Completa...<\/a><\/div><\/div><\/div><\/div>\n<div class=\"col-md-12 col-sm-12 col-xs-12 pt-cv-content-item pt-cv-1-col\" ><div class='pt-cv-ifield'><a href=\"https:\/\/www.dmsjuridica.com\/buscador_20179478954\/corteconstitucionalcronologico202454587\/t-1329-00\/\" class=\"_self pt-cv-href-thumbnail pt-cv-thumb-default\" target=\"_self\" ><\/a>\n<div class=\"pt-cv-taxoterm above_title\"><a href='https:\/\/www.dmsjuridica.com\/buscador_20179478954\/corteconstitucionalcronologico202454587\/category\/buscar-en-toda-la-corte\/2000\/tutelas-2000\/' title='Tutelas 2000' class='pt-cv-tax-tutelas-2000'>Tutelas 2000<\/a><\/div>\n<h4 class=\"pt-cv-title\"><a href=\"https:\/\/www.dmsjuridica.com\/buscador_20179478954\/corteconstitucionalcronologico202454587\/t-1329-00\/\" class=\"_self\" target=\"_self\" >T-1329-00<\/a><\/h4>\n<div class=\"pt-cv-content\">\u00a0 \u00a0 Sentencia T-1329\/00 \u00a0 DERECHO AL SUBSIDIO FAMILIAR DEL NI\u00d1O-Protecci\u00f3n por tutela \u00a0 Referencia: expedientes T-323543, T-323803, T-323805 y T-358611.\u00a0 \u00a0 Acciones de tutela incoadas por Carlos Alberto Pati\u00f1o C\u00e1rdenas, Zoraida Garc\u00eda Cubillos, Mar\u00eda Merly Ducuara Leal y Jose Olivani Id\u00e1rraga Arango, contra el Hospital Federico Arbel\u00e1ez de Cunday (Tolima), el Hospital San Juan Bautista de Chaparral y el Municipio de Cali. \u00a0 Magistrado Ponente: \u00a0 Dr. JOS\u00c9 GREGORIO HERN\u00c1NDEZ GALINDO \u00a0 Bogot\u00e1, D.C., dos (2) de octubre de dos mil (2000). \u00a0 La Sala Quinta de Revisi\u00f3n de la Corte Constitucional, en ejercicio de sus competencias constitucionales y ...<br \/><div class=\"pt-cv-rmwrap\"><a href=\"https:\/\/www.dmsjuridica.com\/buscador_20179478954\/corteconstitucionalcronologico202454587\/t-1329-00\/\" class=\"_self pt-cv-readmore btn btn-success\" target=\"_self\">Ver Sentencia Completa...<\/a><\/div><\/div><\/div><\/div>\n<div class=\"col-md-12 col-sm-12 col-xs-12 pt-cv-content-item pt-cv-1-col\" ><div class='pt-cv-ifield'><a href=\"https:\/\/www.dmsjuridica.com\/buscador_20179478954\/corteconstitucionalcronologico202454587\/t-1328-00\/\" class=\"_self pt-cv-href-thumbnail pt-cv-thumb-default\" target=\"_self\" ><\/a>\n<div class=\"pt-cv-taxoterm above_title\"><a href='https:\/\/www.dmsjuridica.com\/buscador_20179478954\/corteconstitucionalcronologico202454587\/category\/buscar-en-toda-la-corte\/2000\/tutelas-2000\/' title='Tutelas 2000' class='pt-cv-tax-tutelas-2000'>Tutelas 2000<\/a><\/div>\n<h4 class=\"pt-cv-title\"><a href=\"https:\/\/www.dmsjuridica.com\/buscador_20179478954\/corteconstitucionalcronologico202454587\/t-1328-00\/\" class=\"_self\" target=\"_self\" >T-1328-00<\/a><\/h4>\n<div class=\"pt-cv-content\">\u00a0 \u00a0 Sentencia T-1328\/00 \u00a0 ACCION DE TUTELA-Procedencia excepcional pago de acreencias laborales \u00a0 DERECHO AL SUBSIDIO FAMILIAR DEL NI\u00d1O-Protecci\u00f3n por tutela \u00a0 ACCION DE TUTELA TEMERARIA-Inexistencia por reclamar subsidio familiar de periodos distintos \u00a0 Referencia: expediente T- 312636. \u00a0 Acci\u00f3n de tutela incoada por Norberto Saavedra Lozano contra el municipio de El Guamo (Tolima). \u00a0 Dr. JOS\u00c9 GREGORIO HERN\u00c1NDEZ GALINDO \u00a0 Bogot\u00e1, D.C., dos (2) de octubre de dos mil (2000). \u00a0 La Sala Quinta de Revisi\u00f3n de la Corte Constitucional, en ejercicio de sus competencias constitucionales y legales, espec\u00edficamente las previstas en los art\u00edculos 86 y \u00a0241, numeral ...<br \/><div class=\"pt-cv-rmwrap\"><a href=\"https:\/\/www.dmsjuridica.com\/buscador_20179478954\/corteconstitucionalcronologico202454587\/t-1328-00\/\" class=\"_self pt-cv-readmore btn btn-success\" target=\"_self\">Ver Sentencia Completa...<\/a><\/div><\/div><\/div><\/div>\n<div class=\"col-md-12 col-sm-12 col-xs-12 pt-cv-content-item pt-cv-1-col\" ><div class='pt-cv-ifield'><a href=\"https:\/\/www.dmsjuridica.com\/buscador_20179478954\/corteconstitucionalcronologico202454587\/t-1327-00\/\" class=\"_self pt-cv-href-thumbnail pt-cv-thumb-default\" target=\"_self\" ><\/a>\n<div class=\"pt-cv-taxoterm above_title\"><a href='https:\/\/www.dmsjuridica.com\/buscador_20179478954\/corteconstitucionalcronologico202454587\/category\/buscar-en-toda-la-corte\/2000\/tutelas-2000\/' title='Tutelas 2000' class='pt-cv-tax-tutelas-2000'>Tutelas 2000<\/a><\/div>\n<h4 class=\"pt-cv-title\"><a href=\"https:\/\/www.dmsjuridica.com\/buscador_20179478954\/corteconstitucionalcronologico202454587\/t-1327-00\/\" class=\"_self\" target=\"_self\" >T-1327-00<\/a><\/h4>\n<div class=\"pt-cv-content\">\u00a0 \u00a0 Sentencia T-1327\/00 \u00a0 DERECHOS FUNDAMENTALES DE QUIEN GANO CONCURSO PUBLICO-No vulneraci\u00f3n cuando se presenta traslado y no vacancia del cargo \u00a0 Referencia: expediente T-248312 \u00a0 Acci\u00f3n de tutela incoada por Maria Aleida Zapata Alvarez contra el Gobernador de Antioquia y el Secretario de Educaci\u00f3n y Cultura de ese Departamento \u00a0 Magistrado Ponente: \u00a0 Dr. JOS\u00c9 GREGORIO HERN\u00c1NDEZ GALINDO\u00a0 \u00a0 Bogot\u00e1, D.C., dos (2) de octubre de dos mil (2000). \u00a0 La Sala Quinta de Revisi\u00f3n de la Corte Constitucional, en ejercicio de sus competencias constitucionales y legales, espec\u00edficamente las previstas en los art\u00edculos 86 y \u00a0241, numeral 9, ...<br \/><div class=\"pt-cv-rmwrap\"><a href=\"https:\/\/www.dmsjuridica.com\/buscador_20179478954\/corteconstitucionalcronologico202454587\/t-1327-00\/\" class=\"_self pt-cv-readmore btn btn-success\" target=\"_self\">Ver Sentencia Completa...<\/a><\/div><\/div><\/div><\/div>\n<div class=\"col-md-12 col-sm-12 col-xs-12 pt-cv-content-item pt-cv-1-col\" ><div class='pt-cv-ifield'><a href=\"https:\/\/www.dmsjuridica.com\/buscador_20179478954\/corteconstitucionalcronologico202454587\/t-1326-00\/\" class=\"_self pt-cv-href-thumbnail pt-cv-thumb-default\" target=\"_self\" ><\/a>\n<div class=\"pt-cv-taxoterm above_title\"><a href='https:\/\/www.dmsjuridica.com\/buscador_20179478954\/corteconstitucionalcronologico202454587\/category\/buscar-en-toda-la-corte\/2000\/tutelas-2000\/' title='Tutelas 2000' class='pt-cv-tax-tutelas-2000'>Tutelas 2000<\/a><\/div>\n<h4 class=\"pt-cv-title\"><a href=\"https:\/\/www.dmsjuridica.com\/buscador_20179478954\/corteconstitucionalcronologico202454587\/t-1326-00\/\" class=\"_self\" target=\"_self\" >T-1326-00<\/a><\/h4>\n<div class=\"pt-cv-content\">\u00a0 \u00a0 Sentencia T-1326\/00 \u00a0 AGENCIA OFICIOSA EN TUTELA-Legitimidad e inter\u00e9s \u00a0 AGENCIA OFICIOSA EN TUTELA-Declaraci\u00f3n expresa y prueba sumaria de no poder promover su propia defensa \u00a0 CESION DE DERECHOS LITIGIOSOS \u00a0 Efectuada la cesi\u00f3n de derechos litigiosos, se rompi\u00f3 el nexo causal entre la decisi\u00f3n judicial acusada de irregular por el vicio de la v\u00eda de hecho y el derecho fundamental al debido proceso invocado por el petente, ya que \u00e9ste al haberse despojado de su calidad de demandante, las resultas del proceso civil no lo involucraban y, como en efecto se constata en el expediente, no lo ...<br \/><div class=\"pt-cv-rmwrap\"><a href=\"https:\/\/www.dmsjuridica.com\/buscador_20179478954\/corteconstitucionalcronologico202454587\/t-1326-00\/\" class=\"_self pt-cv-readmore btn btn-success\" target=\"_self\">Ver Sentencia Completa...<\/a><\/div><\/div><\/div><\/div>\n<div class=\"col-md-12 col-sm-12 col-xs-12 pt-cv-content-item pt-cv-1-col\" ><div class='pt-cv-ifield'><a href=\"https:\/\/www.dmsjuridica.com\/buscador_20179478954\/corteconstitucionalcronologico202454587\/t-1325-00\/\" class=\"_self pt-cv-href-thumbnail pt-cv-thumb-default\" target=\"_self\" ><\/a>\n<div class=\"pt-cv-taxoterm above_title\"><a href='https:\/\/www.dmsjuridica.com\/buscador_20179478954\/corteconstitucionalcronologico202454587\/category\/buscar-en-toda-la-corte\/2000\/tutelas-2000\/' title='Tutelas 2000' class='pt-cv-tax-tutelas-2000'>Tutelas 2000<\/a><\/div>\n<h4 class=\"pt-cv-title\"><a href=\"https:\/\/www.dmsjuridica.com\/buscador_20179478954\/corteconstitucionalcronologico202454587\/t-1325-00\/\" class=\"_self\" target=\"_self\" >T-1325-00<\/a><\/h4>\n<div class=\"pt-cv-content\">\u00a0 \u00a0 Sentencia T-1325\/00 \u00a0 DERECHO A LA SALUD-Naturaleza \u00a0 DERECHO A LA SALUD-Fundamental por conexidad \u00a0 REGIMEN CONTRIBUTIVO DE SALUD-Suscripci\u00f3n t\u00edtulo valor para afiliaciones adicionales\/ENTIDAD PROMOTORA DE SALUD-Requisito de suscripci\u00f3n t\u00edtulo valor para afiliaciones adicionales \u00a0 Se cre\u00f3, con cargo a todos los usuarios que cotizan al r\u00e9gimen contributivo de salud y que quieran afiliar o tengan afiliadas a otras personas como cotizantes dependientes, la obligaci\u00f3n de suscribir un t\u00edtulo valor, mediante el cual se busca \u00a0asegurar el pago de la afiliaci\u00f3n adicional, por lo menos durante periodos de dos a\u00f1os, buscando de esta manera garantizar la existencia de ...<br \/><div class=\"pt-cv-rmwrap\"><a href=\"https:\/\/www.dmsjuridica.com\/buscador_20179478954\/corteconstitucionalcronologico202454587\/t-1325-00\/\" class=\"_self pt-cv-readmore btn btn-success\" target=\"_self\">Ver Sentencia Completa...<\/a><\/div><\/div><\/div><\/div>\n<div class=\"col-md-12 col-sm-12 col-xs-12 pt-cv-content-item pt-cv-1-col\" ><div class='pt-cv-ifield'><a href=\"https:\/\/www.dmsjuridica.com\/buscador_20179478954\/corteconstitucionalcronologico202454587\/t-1324-00\/\" class=\"_self pt-cv-href-thumbnail pt-cv-thumb-default\" target=\"_self\" ><\/a>\n<div class=\"pt-cv-taxoterm above_title\"><a href='https:\/\/www.dmsjuridica.com\/buscador_20179478954\/corteconstitucionalcronologico202454587\/category\/buscar-en-toda-la-corte\/2000\/tutelas-2000\/' title='Tutelas 2000' class='pt-cv-tax-tutelas-2000'>Tutelas 2000<\/a><\/div>\n<h4 class=\"pt-cv-title\"><a href=\"https:\/\/www.dmsjuridica.com\/buscador_20179478954\/corteconstitucionalcronologico202454587\/t-1324-00\/\" class=\"_self\" target=\"_self\" >T-1324-00<\/a><\/h4>\n<div class=\"pt-cv-content\">\u00a0 \u00a0 Sentencia T-1324\/00 \u00a0 ACCION DE TUTELA-Subsidiariedad \u00a0 MEDIO DE DEFENSA JUDICIAL EFICAZ-Legalidad de actos administrativos\/MEDIO DE DEFENSA JUDICIAL-Prohibici\u00f3n de utilizar local comercial como taberna o discoteca \u00a0 Referencia: expediente T-329088 \u00a0 Acci\u00f3n de tutela instaurada por Jos\u00e9 Alberto Hurtado Silva y otros contra la Alcald\u00eda del Municipio de Moniquir\u00e1. \u00a0 Magistrada Ponente (E):\u00a0 \u00a0 Dra. MARTHA VICTORIA S\u00c1CHICA M\u00c9NDEZ \u00a0 La Sala Tercera de Revisi\u00f3n de la Corte Constitucional, integrada por los magistrados, Martha Victoria S\u00e1chica M\u00e9ndez, Carlos Gaviria D\u00edaz y Jos\u00e9 Gregorio Hern\u00e1ndez Galindo, en ejercicio de sus competencias constitucionales y legales, ha proferido la siguiente \u00a0 ...<br \/><div class=\"pt-cv-rmwrap\"><a href=\"https:\/\/www.dmsjuridica.com\/buscador_20179478954\/corteconstitucionalcronologico202454587\/t-1324-00\/\" class=\"_self pt-cv-readmore btn btn-success\" target=\"_self\">Ver Sentencia Completa...<\/a><\/div><\/div><\/div><\/div>\n<div class=\"col-md-12 col-sm-12 col-xs-12 pt-cv-content-item pt-cv-1-col\" ><div class='pt-cv-ifield'><a href=\"https:\/\/www.dmsjuridica.com\/buscador_20179478954\/corteconstitucionalcronologico202454587\/t-1323-00\/\" class=\"_self pt-cv-href-thumbnail pt-cv-thumb-default\" target=\"_self\" ><\/a>\n<div class=\"pt-cv-taxoterm above_title\"><a href='https:\/\/www.dmsjuridica.com\/buscador_20179478954\/corteconstitucionalcronologico202454587\/category\/buscar-en-toda-la-corte\/2000\/tutelas-2000\/' title='Tutelas 2000' class='pt-cv-tax-tutelas-2000'>Tutelas 2000<\/a><\/div>\n<h4 class=\"pt-cv-title\"><a href=\"https:\/\/www.dmsjuridica.com\/buscador_20179478954\/corteconstitucionalcronologico202454587\/t-1323-00\/\" class=\"_self\" target=\"_self\" >T-1323-00<\/a><\/h4>\n<div class=\"pt-cv-content\">\u00a0 \u00a0 Sentencia T-1323\/00 \u00a0 CONTRATO A TERMINO FIJO-Estabilidad en el empleo \u00a0 DERECHO A LA ESTABILIDAD LABORAL REFORZADA DE MUJER EMBARAZADA-Casos especiales \u00a0 DERECHO A LA ESTABILIDAD LABORAL REFORZADA DE MUJER EMBARAZADA-Protecci\u00f3n constitucional especial \u00a0 ACCION DE TUTELA-Improcedencia para reintegro al cargo\/ACCION DE \u00a0TUTELA TRANSITORIA-Casos excepcionales de reintegro por despido de mujer embarazada \u00a0 DERECHO A LA ESTABILIDAD LABORAL REFORZADA DE MUJER EMBARAZADA-Elementos f\u00e1cticos que deben demostrarse \u00a0 FUERO DE MATERNIDAD-Protecci\u00f3n \u00a0 Referencia: expediente T-327070 \u00a0 Acci\u00f3n de tutela instaurada por Rosiris Margarita Sanabria Mozo contra la empresa Colombian Export Company Ltda. \u00a0 Magistrada Ponente (E):\u00a0 \u00a0 Dra. MARTHA ...<br \/><div class=\"pt-cv-rmwrap\"><a href=\"https:\/\/www.dmsjuridica.com\/buscador_20179478954\/corteconstitucionalcronologico202454587\/t-1323-00\/\" class=\"_self pt-cv-readmore btn btn-success\" target=\"_self\">Ver Sentencia Completa...<\/a><\/div><\/div><\/div><\/div>\n<div class=\"col-md-12 col-sm-12 col-xs-12 pt-cv-content-item pt-cv-1-col\" ><div class='pt-cv-ifield'><a href=\"https:\/\/www.dmsjuridica.com\/buscador_20179478954\/corteconstitucionalcronologico202454587\/t-1322-00\/\" class=\"_self pt-cv-href-thumbnail pt-cv-thumb-default\" target=\"_self\" ><\/a>\n<div class=\"pt-cv-taxoterm above_title\"><a href='https:\/\/www.dmsjuridica.com\/buscador_20179478954\/corteconstitucionalcronologico202454587\/category\/buscar-en-toda-la-corte\/2000\/tutelas-2000\/' title='Tutelas 2000' class='pt-cv-tax-tutelas-2000'>Tutelas 2000<\/a><\/div>\n<h4 class=\"pt-cv-title\"><a href=\"https:\/\/www.dmsjuridica.com\/buscador_20179478954\/corteconstitucionalcronologico202454587\/t-1322-00\/\" class=\"_self\" target=\"_self\" >T-1322-00<\/a><\/h4>\n<div class=\"pt-cv-content\">\u00a0 \u00a0 Sentencia T-1322\/00 \u00a0 DERECHO DE PETICION-Alcance \u00a0 NATURALEZA JURIDICA DE ENTIDAD DEMANDADA\/DERECHO DE PETICION-R\u00e9gimen aplicable a entidad demandada \u00a0 VEEDOR CIUDADANO-Solicitud informe de gesti\u00f3n a empresa de econom\u00eda mixta\/RESERVA DE INFORMACION-Exposici\u00f3n de razones \u00a0 El veedor ciudadano estaba facultado para solicitar a la empresa de econom\u00eda mixta, el informe de gesti\u00f3n del convenio interadministrativo suscrito entre la Secretar\u00eda de Tr\u00e1nsito y Transporte de Cali y dicha entidad. En principio, puede afirmarse que las empresas de econom\u00eda mixta est\u00e1n obligadas a suministrar toda la informaci\u00f3n requerida por los veedores ciudadanos, salvo que logren demostrar que existe reserva legal o ...<br \/><div class=\"pt-cv-rmwrap\"><a href=\"https:\/\/www.dmsjuridica.com\/buscador_20179478954\/corteconstitucionalcronologico202454587\/t-1322-00\/\" class=\"_self pt-cv-readmore btn btn-success\" target=\"_self\">Ver Sentencia Completa...<\/a><\/div><\/div><\/div><\/div>\n<div class=\"col-md-12 col-sm-12 col-xs-12 pt-cv-content-item pt-cv-1-col\" ><div class='pt-cv-ifield'><a href=\"https:\/\/www.dmsjuridica.com\/buscador_20179478954\/corteconstitucionalcronologico202454587\/t-1321-00\/\" class=\"_self pt-cv-href-thumbnail pt-cv-thumb-default\" target=\"_self\" ><\/a>\n<div class=\"pt-cv-taxoterm above_title\"><a href='https:\/\/www.dmsjuridica.com\/buscador_20179478954\/corteconstitucionalcronologico202454587\/category\/buscar-en-toda-la-corte\/2000\/tutelas-2000\/' title='Tutelas 2000' class='pt-cv-tax-tutelas-2000'>Tutelas 2000<\/a><\/div>\n<h4 class=\"pt-cv-title\"><a href=\"https:\/\/www.dmsjuridica.com\/buscador_20179478954\/corteconstitucionalcronologico202454587\/t-1321-00\/\" class=\"_self\" target=\"_self\" >T-1321-00<\/a><\/h4>\n<div class=\"pt-cv-content\">\u00a0 \u00a0 Sentencia T-1321\/00 \u00a0 MEDIO DE DEFENSA JUDICIAL-Juzgamiento actos administrativos \u00a0 JUICIO DE PROPORCIONALIDAD-Alcance \u00a0 El juicio de proporcionalidad, cuyos pasos han sido debidamente precisados en la jurisprudencia de la Corte, constituye el mecanismo id\u00f3neo para proceder al estudio de las circunstancias que rodean la amenaza o la violaci\u00f3n del derecho constitucional, pues la gravedad de la violaci\u00f3n \u00fanicamente podr\u00e1 predicarse de aquella que resulte desproporcionada o irrazonable. A partir de ella, podr\u00e1 definirse si se requieren medidas inmediatas y urgentes. Por lo tanto, la procedencia de la presente tutela \u00fanicamente ser\u00e1 definida una vez la Corte haya abordado ...<br \/><div class=\"pt-cv-rmwrap\"><a href=\"https:\/\/www.dmsjuridica.com\/buscador_20179478954\/corteconstitucionalcronologico202454587\/t-1321-00\/\" class=\"_self pt-cv-readmore btn btn-success\" target=\"_self\">Ver Sentencia Completa...<\/a><\/div><\/div><\/div><\/div>\n<div class=\"col-md-12 col-sm-12 col-xs-12 pt-cv-content-item pt-cv-1-col\" ><div class='pt-cv-ifield'><a href=\"https:\/\/www.dmsjuridica.com\/buscador_20179478954\/corteconstitucionalcronologico202454587\/t-132-00\/\" class=\"_self pt-cv-href-thumbnail pt-cv-thumb-default\" target=\"_self\" ><\/a>\n<div class=\"pt-cv-taxoterm above_title\"><a href='https:\/\/www.dmsjuridica.com\/buscador_20179478954\/corteconstitucionalcronologico202454587\/category\/buscar-en-toda-la-corte\/2000\/tutelas-2000\/' title='Tutelas 2000' class='pt-cv-tax-tutelas-2000'>Tutelas 2000<\/a><\/div>\n<h4 class=\"pt-cv-title\"><a href=\"https:\/\/www.dmsjuridica.com\/buscador_20179478954\/corteconstitucionalcronologico202454587\/t-132-00\/\" class=\"_self\" target=\"_self\" >T-132-00<\/a><\/h4>\n<div class=\"pt-cv-content\">\u00a0 \u00a0 Sentencia T-132\/00 \u00a0 DERECHO DE PETICION-N\u00facleo esencial \u00a0 La Corte reitera su jurisprudencia en el sentido de que el \u00a0n\u00facleo esencial del derecho de petici\u00f3n, contempla no s\u00f3lo la posibilidad de elevar peticiones respetuosas ante la autoridad, bien sea en inter\u00e9s general o particular, sino el derecho a obtener de \u00e9sta una pronta resoluci\u00f3n del asunto sometido a su consideraci\u00f3n y dentro del t\u00e9rmino previsto por la ley. \u00a0 Reiteraci\u00f3n de Jurisprudencia \u00a0 Referencia: expediente T-267201 \u00a0 Actora: Ana Tulia Jim\u00e9nez Su\u00e1rez \u00a0 Magistrado Ponente: \u00a0 Dr. EDUARDO CIFUENTES MU\u00d1OZ \u00a0 Santa Fe de Bogot\u00e1, D.C., diecisiete (17) ...<br \/><div class=\"pt-cv-rmwrap\"><a href=\"https:\/\/www.dmsjuridica.com\/buscador_20179478954\/corteconstitucionalcronologico202454587\/t-132-00\/\" class=\"_self pt-cv-readmore btn btn-success\" target=\"_self\">Ver Sentencia Completa...<\/a><\/div><\/div><\/div><\/div>\n<div class=\"col-md-12 col-sm-12 col-xs-12 pt-cv-content-item pt-cv-1-col\" ><div class='pt-cv-ifield'><a href=\"https:\/\/www.dmsjuridica.com\/buscador_20179478954\/corteconstitucionalcronologico202454587\/t-1313-00\/\" class=\"_self pt-cv-href-thumbnail pt-cv-thumb-default\" target=\"_self\" ><\/a>\n<div class=\"pt-cv-taxoterm above_title\"><a href='https:\/\/www.dmsjuridica.com\/buscador_20179478954\/corteconstitucionalcronologico202454587\/category\/buscar-en-toda-la-corte\/2000\/tutelas-2000\/' title='Tutelas 2000' class='pt-cv-tax-tutelas-2000'>Tutelas 2000<\/a><\/div>\n<h4 class=\"pt-cv-title\"><a href=\"https:\/\/www.dmsjuridica.com\/buscador_20179478954\/corteconstitucionalcronologico202454587\/t-1313-00\/\" class=\"_self\" target=\"_self\" >T-1313-00<\/a><\/h4>\n<div class=\"pt-cv-content\">\u00a0 \u00a0 Sentencia T-1313\/00 \u00a0 DEBIDO PROCESO ADMINISTRATIVO-Plenitud de las formas propias de cada juicio \u00a0 PRINCIPIO DE FAVORABILIDAD NORMATIVA EN MATERIA DE LICENCIA DE MATERNIDAD-Pago \u00a0 MUJER EMBARAZADA-Protecci\u00f3n constitucional especial \u00a0 SUPREMACIA DE LA CONSTITUCION POLITICA \u00a0 INAPLICACION DE ACTO ADMINISTRATIVO PARTICULAR-Facultad del juez de tutela\/PRESUNCION DE LEGALIDAD DE ACTO ADMINISTRATIVO-No puede oponerse al goce de un derecho fundamental \u00a0 Referencia: expediente T-347855 \u00a0 Acci\u00f3n de tutela interpuesta por Ana Glovis Chac\u00f3n Cardozo, contra el Instituto de los Seguros Sociales, Seccional Neiva. \u00a0 Magistrado Ponente: \u00a0 Dr. FABIO MORON DIAZ\u00a0 \u00a0 Bogot\u00e1, D.C., septiembre veintis\u00e9is (26) del dos mil ...<br \/><div class=\"pt-cv-rmwrap\"><a href=\"https:\/\/www.dmsjuridica.com\/buscador_20179478954\/corteconstitucionalcronologico202454587\/t-1313-00\/\" class=\"_self pt-cv-readmore btn btn-success\" target=\"_self\">Ver Sentencia Completa...<\/a><\/div><\/div><\/div><\/div>\n<div class=\"col-md-12 col-sm-12 col-xs-12 pt-cv-content-item pt-cv-1-col\" ><div class='pt-cv-ifield'><a href=\"https:\/\/www.dmsjuridica.com\/buscador_20179478954\/corteconstitucionalcronologico202454587\/t-1312-00\/\" class=\"_self pt-cv-href-thumbnail pt-cv-thumb-default\" target=\"_self\" ><\/a>\n<div class=\"pt-cv-taxoterm above_title\"><a href='https:\/\/www.dmsjuridica.com\/buscador_20179478954\/corteconstitucionalcronologico202454587\/category\/buscar-en-toda-la-corte\/2000\/tutelas-2000\/' title='Tutelas 2000' class='pt-cv-tax-tutelas-2000'>Tutelas 2000<\/a><\/div>\n<h4 class=\"pt-cv-title\"><a href=\"https:\/\/www.dmsjuridica.com\/buscador_20179478954\/corteconstitucionalcronologico202454587\/t-1312-00\/\" class=\"_self\" target=\"_self\" >T-1312-00<\/a><\/h4>\n<div class=\"pt-cv-content\">\u00a0 \u00a0 {p} \u00a0 Sentencia T-1312\/00 \u00a0 ACCION DE TUTELA-Procedencia excepcional pago de mesadas pensionales \u00a0 DERECHO AL MINIMO VITAL DEL PENSIONADO-Pago oportuno de mesadas \u00a0 EMPLEADOR-Situaci\u00f3n econ\u00f3mica o presupuestal no es \u00f3bice para desconocer pago de mesadas pensionales \u00a0 Referencia: expedientes T-333882 y T-340645 (Acumulados). \u00a0 Actores: \u00a0 JUAN TORRES DE LUQUE y \u00a0 JAIME BALLESTEROS CAMPO \u00a0 Demandado: \u00a0 Municipio de Riohacha, Guajira \u00a0 Magistrado Ponente: \u00a0 Dr. FABIO MORON DIAZ\u00a0 \u00a0 Bogot\u00e1, D.C., septiembre veinticinco (25) del dos mil (2000) \u00a0 La Sala S\u00e9ptima de Revisi\u00f3n de Tutelas de la Corte Constitucional, integrada por los Magistrados VLADIMIRO ...<br \/><div class=\"pt-cv-rmwrap\"><a href=\"https:\/\/www.dmsjuridica.com\/buscador_20179478954\/corteconstitucionalcronologico202454587\/t-1312-00\/\" class=\"_self pt-cv-readmore btn btn-success\" target=\"_self\">Ver Sentencia Completa...<\/a><\/div><\/div><\/div><\/div>\n<div class=\"col-md-12 col-sm-12 col-xs-12 pt-cv-content-item pt-cv-1-col\" ><div class='pt-cv-ifield'><a href=\"https:\/\/www.dmsjuridica.com\/buscador_20179478954\/corteconstitucionalcronologico202454587\/t-1311-00\/\" class=\"_self pt-cv-href-thumbnail pt-cv-thumb-default\" target=\"_self\" ><\/a>\n<div class=\"pt-cv-taxoterm above_title\"><a href='https:\/\/www.dmsjuridica.com\/buscador_20179478954\/corteconstitucionalcronologico202454587\/category\/buscar-en-toda-la-corte\/2000\/tutelas-2000\/' title='Tutelas 2000' class='pt-cv-tax-tutelas-2000'>Tutelas 2000<\/a><\/div>\n<h4 class=\"pt-cv-title\"><a href=\"https:\/\/www.dmsjuridica.com\/buscador_20179478954\/corteconstitucionalcronologico202454587\/t-1311-00\/\" class=\"_self\" target=\"_self\" >T-1311-00<\/a><\/h4>\n<div class=\"pt-cv-content\">\u00a0 \u00a0 Sentencia T-1311\/00 \u00a0 DERECHO AL MINIMO VITAL DEL TRABAJADOR-No afectaci\u00f3n por no pago de primas complementarias de salario a educadores \u00a0 Referencia: expedientes T-337867, T-338026, T-339517, T-340792, T-341900, T-343276 y T-344443 (Acumulados). \u00a0 Actores: \u00a0 Pedro Juan G\u00f3mez Salazar y otros \u00a0 Jorge Enrique Quintero Tamayo y otro \u00a0 Gloria Estella Ca\u00f1averal Montoya \u00a0 Gloria Amparo Hern\u00e1ndez G\u00f3mez \u00a0 Ana Cecilia D\u00e1vila Giraldo \u00a0 Tiberio Alonso Tamayo Giraldo y otros \u00a0 Orfa Montoya \u00a0 Demandado: Gobernaci\u00f3n de Antioquia \u00a0 Magistrado Ponente: \u00a0 Dr. FABIO MORON DIAZ\u00a0 \u00a0 Bogot\u00e1, D.C., septiembre veinticinco (25) del dos mil (2000) \u00a0 La ...<br \/><div class=\"pt-cv-rmwrap\"><a href=\"https:\/\/www.dmsjuridica.com\/buscador_20179478954\/corteconstitucionalcronologico202454587\/t-1311-00\/\" class=\"_self pt-cv-readmore btn btn-success\" target=\"_self\">Ver Sentencia Completa...<\/a><\/div><\/div><\/div><\/div>\n<div class=\"col-md-12 col-sm-12 col-xs-12 pt-cv-content-item pt-cv-1-col\" ><div class='pt-cv-ifield'><a href=\"https:\/\/www.dmsjuridica.com\/buscador_20179478954\/corteconstitucionalcronologico202454587\/t-1310-00\/\" class=\"_self pt-cv-href-thumbnail pt-cv-thumb-default\" target=\"_self\" ><\/a>\n<div class=\"pt-cv-taxoterm above_title\"><a href='https:\/\/www.dmsjuridica.com\/buscador_20179478954\/corteconstitucionalcronologico202454587\/category\/buscar-en-toda-la-corte\/2000\/tutelas-2000\/' title='Tutelas 2000' class='pt-cv-tax-tutelas-2000'>Tutelas 2000<\/a><\/div>\n<h4 class=\"pt-cv-title\"><a href=\"https:\/\/www.dmsjuridica.com\/buscador_20179478954\/corteconstitucionalcronologico202454587\/t-1310-00\/\" class=\"_self\" target=\"_self\" >T-1310-00<\/a><\/h4>\n<div class=\"pt-cv-content\">\u00a0 \u00a0 Sentencia T-1310\/00 \u00a0 Referencia: expediente T-344433 \u00a0 Acci\u00f3n de tutela instaurada por Jos\u00e9 Alberto Canchila Medina contra la Alcald\u00eda Municipal de Santiago de Tol\u00fa. \u00a0 Magistrado Ponente: \u00a0 Dr. FABIO MORON DIAZ\u00a0 \u00a0 Bogot\u00e1, D.C., septiembre veinticinco (25) del dos mil (2000) \u00a0\u00a0 \u00a0 \u00a0 \u00a0 La Sala S\u00e9ptima de Revisi\u00f3n de Tutelas de la Corte Constitucional, integrada por los Magistrados VLADIMIRO NARANJO MESA, ALVARO TAFUR GALVIS y FABIO MORON DIAZ, en ejercicio de sus competencias constitucionales y legales, ha proferido la siguiente \u00a0 SENTENCIA \u00a0 en el proceso de revisi\u00f3n de los fallos proferidos por el Juzgado ...<br \/><div class=\"pt-cv-rmwrap\"><a href=\"https:\/\/www.dmsjuridica.com\/buscador_20179478954\/corteconstitucionalcronologico202454587\/t-1310-00\/\" class=\"_self pt-cv-readmore btn btn-success\" target=\"_self\">Ver Sentencia Completa...<\/a><\/div><\/div><\/div><\/div>\n<div class=\"col-md-12 col-sm-12 col-xs-12 pt-cv-content-item pt-cv-1-col\" ><div class='pt-cv-ifield'><a href=\"https:\/\/www.dmsjuridica.com\/buscador_20179478954\/corteconstitucionalcronologico202454587\/t-131-00\/\" class=\"_self pt-cv-href-thumbnail pt-cv-thumb-default\" target=\"_self\" ><\/a>\n<div class=\"pt-cv-taxoterm above_title\"><a href='https:\/\/www.dmsjuridica.com\/buscador_20179478954\/corteconstitucionalcronologico202454587\/category\/buscar-en-toda-la-corte\/2000\/tutelas-2000\/' title='Tutelas 2000' class='pt-cv-tax-tutelas-2000'>Tutelas 2000<\/a><\/div>\n<h4 class=\"pt-cv-title\"><a href=\"https:\/\/www.dmsjuridica.com\/buscador_20179478954\/corteconstitucionalcronologico202454587\/t-131-00\/\" class=\"_self\" target=\"_self\" >T-131-00<\/a><\/h4>\n<div class=\"pt-cv-content\">\u00a0 \u00a0 Sentencia T-131\/00 \u00a0 DERECHO DE PETICION-Respuesta debe resolver el fondo del asunto \u00a0 DERECHO DE PETICION-Respuesta de fondo y completa sobre sustituci\u00f3n pensional \u00a0 DERECHO DE PETICION-No constituye respuesta estado del tr\u00e1mite, n\u00famero de turno o expresi\u00f3n de tal d\u00eda \u00a0 Referencia: expediente T-251551 \u00a0 Acci\u00f3n de tutela instaurada por Diana Madrid P\u00e9rez contra el Seguro Social. \u00a0 Dr. JOS\u00c9 GREGORIO HERN\u00c1NDEZ GALINDO \u00a0 Santa Fe de Bogot\u00e1 D.C., diecisiete (17) de febrero de dos mil (2000). \u00a0 La Sala Quinta de Revisi\u00f3n de la Corte Constitucional, en ejercicio de sus competencias constitucionales y legales, espec\u00edficamente las previstas ...<br \/><div class=\"pt-cv-rmwrap\"><a href=\"https:\/\/www.dmsjuridica.com\/buscador_20179478954\/corteconstitucionalcronologico202454587\/t-131-00\/\" class=\"_self pt-cv-readmore btn btn-success\" target=\"_self\">Ver Sentencia Completa...<\/a><\/div><\/div><\/div><\/div>\n<div class=\"col-md-12 col-sm-12 col-xs-12 pt-cv-content-item pt-cv-1-col\" ><div class='pt-cv-ifield'><a href=\"https:\/\/www.dmsjuridica.com\/buscador_20179478954\/corteconstitucionalcronologico202454587\/t-1309-00\/\" class=\"_self pt-cv-href-thumbnail pt-cv-thumb-default\" target=\"_self\" ><\/a>\n<div class=\"pt-cv-taxoterm above_title\"><a href='https:\/\/www.dmsjuridica.com\/buscador_20179478954\/corteconstitucionalcronologico202454587\/category\/buscar-en-toda-la-corte\/2000\/tutelas-2000\/' title='Tutelas 2000' class='pt-cv-tax-tutelas-2000'>Tutelas 2000<\/a><\/div>\n<h4 class=\"pt-cv-title\"><a href=\"https:\/\/www.dmsjuridica.com\/buscador_20179478954\/corteconstitucionalcronologico202454587\/t-1309-00\/\" class=\"_self\" target=\"_self\" >T-1309-00<\/a><\/h4>\n<div class=\"pt-cv-content\">\u00a0 \u00a0 Sentencia T-1309\/00 \u00a0 ACCION DE TUTELA-Procedencia excepcional pago de mesadas pensionales \u00a0 Referencia: expedientes T-336789 y T-336791 (Acumulados). \u00a0 Actores: \u00a0 Valry Myles Palmer \u00a0 Demandado: \u00a0 Alcald\u00eda Municipal de Providencia, Isla \u00a0 Magistrado Ponente: \u00a0 Dr. FABIO MORON DIAZ\u00a0 \u00a0 Bogot\u00e1, D.C., septiembre veinticinco (25) del dos mil (2000) \u00a0 La Sala S\u00e9ptima de Revisi\u00f3n de Tutelas de la Corte Constitucional, integrada por los Magistrados VLADIMIRO NARANJO MESA, ALVARO TAFUR GALVIS y FABIO MORON DIAZ, en ejercicio de sus competencias constitucionales y legales, ha proferido la siguiente \u00a0 SENTENCIA \u00a0 en el proceso de revisi\u00f3n de los ...<br \/><div class=\"pt-cv-rmwrap\"><a href=\"https:\/\/www.dmsjuridica.com\/buscador_20179478954\/corteconstitucionalcronologico202454587\/t-1309-00\/\" class=\"_self pt-cv-readmore btn btn-success\" target=\"_self\">Ver Sentencia Completa...<\/a><\/div><\/div><\/div><\/div>\n<div class=\"col-md-12 col-sm-12 col-xs-12 pt-cv-content-item pt-cv-1-col\" ><div class='pt-cv-ifield'><a href=\"https:\/\/www.dmsjuridica.com\/buscador_20179478954\/corteconstitucionalcronologico202454587\/t-1308-00\/\" class=\"_self pt-cv-href-thumbnail pt-cv-thumb-default\" target=\"_self\" ><\/a>\n<div class=\"pt-cv-taxoterm above_title\"><a href='https:\/\/www.dmsjuridica.com\/buscador_20179478954\/corteconstitucionalcronologico202454587\/category\/buscar-en-toda-la-corte\/2000\/tutelas-2000\/' title='Tutelas 2000' class='pt-cv-tax-tutelas-2000'>Tutelas 2000<\/a><\/div>\n<h4 class=\"pt-cv-title\"><a href=\"https:\/\/www.dmsjuridica.com\/buscador_20179478954\/corteconstitucionalcronologico202454587\/t-1308-00\/\" class=\"_self\" target=\"_self\" >T-1308-00<\/a><\/h4>\n<div class=\"pt-cv-content\">\u00a0 \u00a0 Sentencia T-1308\/00 \u00a0 ACCION DE TUTELA-Procedencia excepcional pago de acreencias laborales \u00a0 Referencia: expediente T-328808 \u00a0 Acci\u00f3n de tutela interpuesta por Hilda Leonor Navarro Caro, Susana Alexandra G\u00f3mez Mel\u00e9ndez, Yina Luz Quintero de Castro, Carmela Navarro Caro, y Manuel Domingo Aguilar Jim\u00e9nez, contra el Municipio de Momp\u00f3s - Bol\u00edvar. \u00a0 Magistrado Ponente: \u00a0 Dr. FABIO MORON DIAZ\u00a0 \u00a0 Bogot\u00e1, D.C., septiembre veinticinco (25) del dos mil (2000) \u00a0\u00a0 \u00a0 \u00a0 \u00a0 SENTENCIA \u00a0 en el proceso de revisi\u00f3n del fallo proferido por el Juzgado Unico Penal del Circuito de Momp\u00f3s - Bol\u00edvar, de fecha 11 de abril del ...<br \/><div class=\"pt-cv-rmwrap\"><a href=\"https:\/\/www.dmsjuridica.com\/buscador_20179478954\/corteconstitucionalcronologico202454587\/t-1308-00\/\" class=\"_self pt-cv-readmore btn btn-success\" target=\"_self\">Ver Sentencia Completa...<\/a><\/div><\/div><\/div><\/div>\n<div class=\"col-md-12 col-sm-12 col-xs-12 pt-cv-content-item pt-cv-1-col\" ><div class='pt-cv-ifield'><a href=\"https:\/\/www.dmsjuridica.com\/buscador_20179478954\/corteconstitucionalcronologico202454587\/t-1307-00\/\" class=\"_self pt-cv-href-thumbnail pt-cv-thumb-default\" target=\"_self\" ><\/a>\n<div class=\"pt-cv-taxoterm above_title\"><a href='https:\/\/www.dmsjuridica.com\/buscador_20179478954\/corteconstitucionalcronologico202454587\/category\/buscar-en-toda-la-corte\/2000\/tutelas-2000\/' title='Tutelas 2000' class='pt-cv-tax-tutelas-2000'>Tutelas 2000<\/a><\/div>\n<h4 class=\"pt-cv-title\"><a href=\"https:\/\/www.dmsjuridica.com\/buscador_20179478954\/corteconstitucionalcronologico202454587\/t-1307-00\/\" class=\"_self\" target=\"_self\" >T-1307-00<\/a><\/h4>\n<div class=\"pt-cv-content\">\u00a0 \u00a0 Sentencia T-1307\/00 \u00a0 EMPLEADOR-Pago oportuno y completo de salarios \u00a0 REMUNERACION MINIMA VITAL Y MOVIL-Alcance \u00a0 ACCION DE TUTELA-Criterios de procedencia para el pago cumplido de salarios \u00a0 BUENA FE-Creencia de que se act\u00faa dentro de la legalidad \u00a0 EMPLEADOR-Situaci\u00f3n econ\u00f3mica o presupuestal no es \u00f3bice para desconocer pago de salarios \u00a0 Referencia: expediente T-339518 \u00a0 Acci\u00f3n de Tutela instaurada por Dora Elena S\u00e1nchez Alvarez contra la Corporaci\u00f3n Educativa Nueva Gente. \u00a0 Magistrado Ponente: \u00a0 Dr. FABIO MORON DIAZ\u00a0 \u00a0 Bogot\u00e1, D.C., septiembre veinticinco (25) del a\u00f1o dos mil (2000) \u00a0\u00a0 \u00a0 SENTENCIA \u00a0 en el proceso de ...<br \/><div class=\"pt-cv-rmwrap\"><a href=\"https:\/\/www.dmsjuridica.com\/buscador_20179478954\/corteconstitucionalcronologico202454587\/t-1307-00\/\" class=\"_self pt-cv-readmore btn btn-success\" target=\"_self\">Ver Sentencia Completa...<\/a><\/div><\/div><\/div><\/div>\n<div class=\"col-md-12 col-sm-12 col-xs-12 pt-cv-content-item pt-cv-1-col\" ><div class='pt-cv-ifield'><a href=\"https:\/\/www.dmsjuridica.com\/buscador_20179478954\/corteconstitucionalcronologico202454587\/t-1306-00\/\" class=\"_self pt-cv-href-thumbnail pt-cv-thumb-default\" target=\"_self\" ><\/a>\n<div class=\"pt-cv-taxoterm above_title\"><a href='https:\/\/www.dmsjuridica.com\/buscador_20179478954\/corteconstitucionalcronologico202454587\/category\/buscar-en-toda-la-corte\/2000\/tutelas-2000\/' title='Tutelas 2000' class='pt-cv-tax-tutelas-2000'>Tutelas 2000<\/a><\/div>\n<h4 class=\"pt-cv-title\"><a href=\"https:\/\/www.dmsjuridica.com\/buscador_20179478954\/corteconstitucionalcronologico202454587\/t-1306-00\/\" class=\"_self\" target=\"_self\" >T-1306-00<\/a><\/h4>\n<div class=\"pt-cv-content\">\u00a0 \u00a0 Sentencia T-1306\/00 \u00a0 ACCION DE TUTELA-Alcance \u00a0 JUEZ DE TUTELA-Interpretaci\u00f3n de derechos fundamentales\/DERECHOS FUNDAMENTALES-Criterios para determinarlos \u00a0 SERVICIO PUBLICO TELEFONICO-No reune caracter\u00edsticas de fundamental \u00a0 DERECHO DE PETICION-Respuesta oportuna y de fondo \u00a0 Referencia: expediente T-333861 \u00a0 Acci\u00f3n de Tutela instaurada por Jaime Moncayo Arenas contra la Empresa De Telefonos de Bogota. \u00a0 Magistrado Ponente: \u00a0 Dr. FABIO MORON DIAZ\u00a0 \u00a0 Bogot\u00e1, D.C., septiembre veinticinco (25) del a\u00f1o dos mil (2000) \u00a0\u00a0 \u00a0 La Sala S\u00e9ptima de Revisi\u00f3n de Tutelas de la Corte Constitucional, integrada por los Magistrados Alvaro Tafur Galvis, Vladimiro Naranjo Mesa y Fabio Mor\u00f3n D\u00edaz, ...<br \/><div class=\"pt-cv-rmwrap\"><a href=\"https:\/\/www.dmsjuridica.com\/buscador_20179478954\/corteconstitucionalcronologico202454587\/t-1306-00\/\" class=\"_self pt-cv-readmore btn btn-success\" target=\"_self\">Ver Sentencia Completa...<\/a><\/div><\/div><\/div><\/div>\n<div class=\"col-md-12 col-sm-12 col-xs-12 pt-cv-content-item pt-cv-1-col\" ><div class='pt-cv-ifield'><a href=\"https:\/\/www.dmsjuridica.com\/buscador_20179478954\/corteconstitucionalcronologico202454587\/t-1305-00\/\" class=\"_self pt-cv-href-thumbnail pt-cv-thumb-default\" target=\"_self\" ><\/a>\n<div class=\"pt-cv-taxoterm above_title\"><a href='https:\/\/www.dmsjuridica.com\/buscador_20179478954\/corteconstitucionalcronologico202454587\/category\/buscar-en-toda-la-corte\/2000\/tutelas-2000\/' title='Tutelas 2000' class='pt-cv-tax-tutelas-2000'>Tutelas 2000<\/a><\/div>\n<h4 class=\"pt-cv-title\"><a href=\"https:\/\/www.dmsjuridica.com\/buscador_20179478954\/corteconstitucionalcronologico202454587\/t-1305-00\/\" class=\"_self\" target=\"_self\" >T-1305-00<\/a><\/h4>\n<div class=\"pt-cv-content\">\u00a0 \u00a0 Sentencia T-1305\/00 \u00a0 EMPLEADOR-Pago oportuno y completo de salarios \u00a0 REMUNERACION MINIMA VITAL Y MOVIL-Alcance \u00a0 ACCION DE TUTELA-Criterios de procedencia para el pago de salarios \u00a0 BUENA FE-Creencia de que se act\u00faa dentro de la legalidad \u00a0 ACCION DE TUTELA CONTRA PARTICULARES-Subordinaci\u00f3n \u00a0 ACCION DE TUTELA-Procedencia excepcional pago de acreencias laborales \u00a0 Referencia: expediente T-333881 \u00a0 Acci\u00f3n de Tutela instaurada por Dario Waldo Bedoya Arroyave contra Industrias Metalurgicas Apolo S.A. \u00a0 Magistrado Ponente: \u00a0 Dr. FABIO MORON DIAZ\u00a0 \u00a0 Bogot\u00e1, D.C., septiembre veinticinco (25) del a\u00f1o dos mil (2000) \u00a0\u00a0 \u00a0 SENTENCIA \u00a0 en el proceso de ...<br \/><div class=\"pt-cv-rmwrap\"><a href=\"https:\/\/www.dmsjuridica.com\/buscador_20179478954\/corteconstitucionalcronologico202454587\/t-1305-00\/\" class=\"_self pt-cv-readmore btn btn-success\" target=\"_self\">Ver Sentencia Completa...<\/a><\/div><\/div><\/div><\/div>\n<div class=\"col-md-12 col-sm-12 col-xs-12 pt-cv-content-item pt-cv-1-col\" ><div class='pt-cv-ifield'><a href=\"https:\/\/www.dmsjuridica.com\/buscador_20179478954\/corteconstitucionalcronologico202454587\/t-1304-00\/\" class=\"_self pt-cv-href-thumbnail pt-cv-thumb-default\" target=\"_self\" ><\/a>\n<div class=\"pt-cv-taxoterm above_title\"><a href='https:\/\/www.dmsjuridica.com\/buscador_20179478954\/corteconstitucionalcronologico202454587\/category\/buscar-en-toda-la-corte\/2000\/tutelas-2000\/' title='Tutelas 2000' class='pt-cv-tax-tutelas-2000'>Tutelas 2000<\/a><\/div>\n<h4 class=\"pt-cv-title\"><a href=\"https:\/\/www.dmsjuridica.com\/buscador_20179478954\/corteconstitucionalcronologico202454587\/t-1304-00\/\" class=\"_self\" target=\"_self\" >T-1304-00<\/a><\/h4>\n<div class=\"pt-cv-content\">\u00a0 \u00a0 Sentencia T-1304\/00 \u00a0 DERECHO AL MINIMO VITAL DEL PENSIONADO-Pago oportuno de mesadas \u00a0 PREVENCION EN TUTELA-Alcance \u00a0 Referencia: expediente T-333705 \u00a0 Acci\u00f3n de tutela de Segundo Leon Meneses Meneses, Jaime Ivan Guerrero Guerrero, Gil Eustorgio Montilla Benavides y Luis Gonzalo Escobar Ramirez contra La Gobernaci\u00f3n de Nari\u00f1o. \u00a0 Magistrado Ponente:\u00a0 \u00a0 Dr. FABIO MORON DIAZ\u00a0 \u00a0 La Sala S\u00e9ptima de Revisi\u00f3n de Tutelas de la Corte Constitucional, integrada por los Magistrados Alvaro Tafur Galvis, Vladimiro Naranjo Mesa Y Fabio Moron Diaz, en ejercicio de sus competencias constitucionales y legales, ha proferido la siguiente \u00a0 SENTENCIA \u00a0 en el ...<br \/><div class=\"pt-cv-rmwrap\"><a href=\"https:\/\/www.dmsjuridica.com\/buscador_20179478954\/corteconstitucionalcronologico202454587\/t-1304-00\/\" class=\"_self pt-cv-readmore btn btn-success\" target=\"_self\">Ver Sentencia Completa...<\/a><\/div><\/div><\/div><\/div>\n<div class=\"col-md-12 col-sm-12 col-xs-12 pt-cv-content-item pt-cv-1-col\" ><div class='pt-cv-ifield'><a href=\"https:\/\/www.dmsjuridica.com\/buscador_20179478954\/corteconstitucionalcronologico202454587\/t-1303-00\/\" class=\"_self pt-cv-href-thumbnail pt-cv-thumb-default\" target=\"_self\" ><\/a>\n<div class=\"pt-cv-taxoterm above_title\"><a href='https:\/\/www.dmsjuridica.com\/buscador_20179478954\/corteconstitucionalcronologico202454587\/category\/buscar-en-toda-la-corte\/2000\/tutelas-2000\/' title='Tutelas 2000' class='pt-cv-tax-tutelas-2000'>Tutelas 2000<\/a><\/div>\n<h4 class=\"pt-cv-title\"><a href=\"https:\/\/www.dmsjuridica.com\/buscador_20179478954\/corteconstitucionalcronologico202454587\/t-1303-00\/\" class=\"_self\" target=\"_self\" >T-1303-00<\/a><\/h4>\n<div class=\"pt-cv-content\">\u00a0 \u00a0 Sentencia T-1303\/00 \u00a0 ACCION DE TUTELA-Procedencia excepcional pago de salarios \u00a0 DERECHO AL MINIMO VITAL DEL TRABAJADOR-Presunci\u00f3n de afectaci\u00f3n por ausencia prolongada en pago de salarios \u00a0 INSTITUCION UNIVERSITARIA-Tr\u00e1mites para obtenci\u00f3n de recursos para pago de salarios y mesadas pensionales \u00a0 Referencia: expediente T-332877\u00a0 \u00a0 Acci\u00f3n de tutela de Jos\u00e9 De La Expectaci\u00f3n Mulett Chavez contra la Universidad del Valle.\u00a0 \u00a0 Magistrado Ponente:\u00a0 \u00a0 Dr. FABIO MORON DIAZ\u00a0 \u00a0 Sentencia aprobada en Bogot\u00e1, D.C., el veinticinco (25) de septiembre del a\u00f1o dos mil (2000). \u00a0 La Sala S\u00e9ptima de Revisi\u00f3n de Tutelas de la Corte Constitucional, integrada por ...<br \/><div class=\"pt-cv-rmwrap\"><a href=\"https:\/\/www.dmsjuridica.com\/buscador_20179478954\/corteconstitucionalcronologico202454587\/t-1303-00\/\" class=\"_self pt-cv-readmore btn btn-success\" target=\"_self\">Ver Sentencia Completa...<\/a><\/div><\/div><\/div><\/div>\n<div class=\"col-md-12 col-sm-12 col-xs-12 pt-cv-content-item pt-cv-1-col\" ><div class='pt-cv-ifield'><a href=\"https:\/\/www.dmsjuridica.com\/buscador_20179478954\/corteconstitucionalcronologico202454587\/t-1302-00\/\" class=\"_self pt-cv-href-thumbnail pt-cv-thumb-default\" target=\"_self\" ><\/a>\n<div class=\"pt-cv-taxoterm above_title\"><a href='https:\/\/www.dmsjuridica.com\/buscador_20179478954\/corteconstitucionalcronologico202454587\/category\/buscar-en-toda-la-corte\/2000\/tutelas-2000\/' title='Tutelas 2000' class='pt-cv-tax-tutelas-2000'>Tutelas 2000<\/a><\/div>\n<h4 class=\"pt-cv-title\"><a href=\"https:\/\/www.dmsjuridica.com\/buscador_20179478954\/corteconstitucionalcronologico202454587\/t-1302-00\/\" class=\"_self\" target=\"_self\" >T-1302-00<\/a><\/h4>\n<div class=\"pt-cv-content\">\u00a0 \u00a0 Sentencia T-1302\/00 \u00a0 ESPACIO PUBLICO-Protecci\u00f3n constitucional \u00a0 DERECHO DE PETICION-Respuesta oportuna y de fondo \u00a0 ESPACIO PUBLICO-Restituci\u00f3n \u00a0 ACCION DE TUTELA-Carencia actual de objeto \u00a0 Referencia: expediente T-326996 \u00a0 Acci\u00f3n de Tutela instaurada por Eduardo Arias Martinez contra la Alcaldia De Engativa. \u00a0 Magistrado Ponente: \u00a0 Dr. FABIO MORON DIAZ\u00a0 \u00a0 Bogot\u00e1, D.C., septiembre veinticinco (25) del a\u00f1o dos mil (2000) \u00a0\u00a0 \u00a0 La Sala S\u00e9ptima de Revisi\u00f3n de Tutelas de la Corte Constitucional, integrada por los Magistrados Alvaro Tafur Galvis, Vladimiro Naranjo Mesa y Fabio Moron Diaz, en ejercicio de sus competencias constitucionales y legales, ha proferido ...<br \/><div class=\"pt-cv-rmwrap\"><a href=\"https:\/\/www.dmsjuridica.com\/buscador_20179478954\/corteconstitucionalcronologico202454587\/t-1302-00\/\" class=\"_self pt-cv-readmore btn btn-success\" target=\"_self\">Ver Sentencia Completa...<\/a><\/div><\/div><\/div><\/div>\n<div class=\"col-md-12 col-sm-12 col-xs-12 pt-cv-content-item pt-cv-1-col\" ><div class='pt-cv-ifield'><a href=\"https:\/\/www.dmsjuridica.com\/buscador_20179478954\/corteconstitucionalcronologico202454587\/t-1301-00\/\" class=\"_self pt-cv-href-thumbnail pt-cv-thumb-default\" target=\"_self\" ><\/a>\n<div class=\"pt-cv-taxoterm above_title\"><a href='https:\/\/www.dmsjuridica.com\/buscador_20179478954\/corteconstitucionalcronologico202454587\/category\/buscar-en-toda-la-corte\/2000\/tutelas-2000\/' title='Tutelas 2000' class='pt-cv-tax-tutelas-2000'>Tutelas 2000<\/a><\/div>\n<h4 class=\"pt-cv-title\"><a href=\"https:\/\/www.dmsjuridica.com\/buscador_20179478954\/corteconstitucionalcronologico202454587\/t-1301-00\/\" class=\"_self\" target=\"_self\" >T-1301-00<\/a><\/h4>\n<div class=\"pt-cv-content\">\u00a0 \u00a0 Sentencia T-1301\/00 \u00a0 EMPLEADOR-Pago oportuno y completo de salarios \u00a0 REMUNERACION MINIMA VITAL Y MOVIL-Alcance \u00a0 ACCION DE TUTELA-Criterios de procedencia para el pago cumplido de salarios \u00a0 BUENA FE-Creencia de que se act\u00faa dentro de la legalidad \u00a0 DERECHO A LA SUBSISTENCIA-Retribuci\u00f3n salarial \u00a0 DERECHO AL MINIMO VITAL DEL TRABAJADOR-Presunci\u00f3n de afectaci\u00f3n por ausencia prolongada en pago de salarios \u00a0 EMPLEADOR-Situaci\u00f3n econ\u00f3mica o presupuestal no es \u00f3bice para desconocer pago de salarios \u00a0 Referencia: expediente T-326670 \u00a0 Acci\u00f3n de Tutela instaurada por Ingrid Mercedes Miller Bernard contra la Gobernaci\u00f3n Del Departamento Archipielago de San Andr\u00e9s, Providencia y ...<br \/><div class=\"pt-cv-rmwrap\"><a href=\"https:\/\/www.dmsjuridica.com\/buscador_20179478954\/corteconstitucionalcronologico202454587\/t-1301-00\/\" class=\"_self pt-cv-readmore btn btn-success\" target=\"_self\">Ver Sentencia Completa...<\/a><\/div><\/div><\/div><\/div>\n<div class=\"col-md-12 col-sm-12 col-xs-12 pt-cv-content-item pt-cv-1-col\" ><div class='pt-cv-ifield'><a href=\"https:\/\/www.dmsjuridica.com\/buscador_20179478954\/corteconstitucionalcronologico202454587\/t-1300-00\/\" class=\"_self pt-cv-href-thumbnail pt-cv-thumb-default\" target=\"_self\" ><\/a>\n<div class=\"pt-cv-taxoterm above_title\"><a href='https:\/\/www.dmsjuridica.com\/buscador_20179478954\/corteconstitucionalcronologico202454587\/category\/buscar-en-toda-la-corte\/2000\/tutelas-2000\/' title='Tutelas 2000' class='pt-cv-tax-tutelas-2000'>Tutelas 2000<\/a><\/div>\n<h4 class=\"pt-cv-title\"><a href=\"https:\/\/www.dmsjuridica.com\/buscador_20179478954\/corteconstitucionalcronologico202454587\/t-1300-00\/\" class=\"_self\" target=\"_self\" >T-1300-00<\/a><\/h4>\n<div class=\"pt-cv-content\">\u00a0 \u00a0 Sentencia T-1300\/00 \u00a0 EMPLEADOR-Pago oportuno y completo de salarios \u00a0 REMUNERACION MINIMA VITAL Y MOVIL-Alcance \u00a0 ACCION DE TUTELA-Criterios de procedencia para el pago cumplido de salarios \u00a0 BUENA FE-Creencia de que se act\u00faa dentro de la legalidad \u00a0 DERECHO A LA SUBSISTENCIA-Retribuci\u00f3n salarial \u00a0 EMPLEADOR-Situaci\u00f3n econ\u00f3mica o presupuestal no es \u00f3bice para desconocer pago de salarios \u00a0 Referencia: expediente T-326403 \u00a0 Acci\u00f3n de Tutela instaurada por Mar\u00eda Ines Aguirre contra el Hospital San Juan de Dios de Honda, Tolima. \u00a0 Magistrado Ponente: \u00a0 Dr. FABIO MORON DIAZ\u00a0 \u00a0 Bogot\u00e1, D.C., septiembre veinticinco (25) del a\u00f1o dos mil ...<br \/><div class=\"pt-cv-rmwrap\"><a href=\"https:\/\/www.dmsjuridica.com\/buscador_20179478954\/corteconstitucionalcronologico202454587\/t-1300-00\/\" class=\"_self pt-cv-readmore btn btn-success\" target=\"_self\">Ver Sentencia Completa...<\/a><\/div><\/div><\/div><\/div>\n<div class=\"col-md-12 col-sm-12 col-xs-12 pt-cv-content-item pt-cv-1-col\" ><div class='pt-cv-ifield'><a href=\"https:\/\/www.dmsjuridica.com\/buscador_20179478954\/corteconstitucionalcronologico202454587\/t-130-00\/\" class=\"_self pt-cv-href-thumbnail pt-cv-thumb-default\" target=\"_self\" ><\/a>\n<div class=\"pt-cv-taxoterm above_title\"><a href='https:\/\/www.dmsjuridica.com\/buscador_20179478954\/corteconstitucionalcronologico202454587\/category\/buscar-en-toda-la-corte\/2000\/tutelas-2000\/' title='Tutelas 2000' class='pt-cv-tax-tutelas-2000'>Tutelas 2000<\/a><\/div>\n<h4 class=\"pt-cv-title\"><a href=\"https:\/\/www.dmsjuridica.com\/buscador_20179478954\/corteconstitucionalcronologico202454587\/t-130-00\/\" class=\"_self\" target=\"_self\" >T-130-00<\/a><\/h4>\n<div class=\"pt-cv-content\">\u00a0 \u00a0 Sentencia T-130\/00 \u00a0 DERECHO A LA SEGURIDAD SOCIAL-Fundamental por conexidad \u00a0 ACCION DE TUTELA-Procedencia excepcional pago de acreencias laborales\/DERECHO AL MINIMO VITAL-Definici\u00f3n \u00a0 DERECHO AL MINIMO VITAL DEL PENSIONADO-Pago oportuno de mesadas \u00a0 EMPLEADOR-Situaci\u00f3n econ\u00f3mica o presupuestal no es \u00f3bice para desconocer obligaciones laborales \u00a0 MEDIO DE DEFENSA JUDICIAL INEFICAZ-Pago oportuno de mesadas pensionales \u00a0 DERECHO AL MINIMO VITAL DEL PENSIONADO-Pago oportuno de mesadas a persona que no es de la tercera edad \u00a0 Referencia: expediente T-252500 \u00a0 Acci\u00f3n de tutela instaurada por Ernesto Viveros Gamboa contra las Empresas P\u00fablicas Municipales de Buenaventura \u00a0 Magistrado Ponente: \u00a0 Dr ...<br \/><div class=\"pt-cv-rmwrap\"><a href=\"https:\/\/www.dmsjuridica.com\/buscador_20179478954\/corteconstitucionalcronologico202454587\/t-130-00\/\" class=\"_self pt-cv-readmore btn btn-success\" target=\"_self\">Ver Sentencia Completa...<\/a><\/div><\/div><\/div><\/div>\n<div class=\"col-md-12 col-sm-12 col-xs-12 pt-cv-content-item pt-cv-1-col\" ><div class='pt-cv-ifield'><a href=\"https:\/\/www.dmsjuridica.com\/buscador_20179478954\/corteconstitucionalcronologico202454587\/t-1299-00\/\" class=\"_self pt-cv-href-thumbnail pt-cv-thumb-default\" target=\"_self\" ><\/a>\n<div class=\"pt-cv-taxoterm above_title\"><a href='https:\/\/www.dmsjuridica.com\/buscador_20179478954\/corteconstitucionalcronologico202454587\/category\/buscar-en-toda-la-corte\/2000\/tutelas-2000\/' title='Tutelas 2000' class='pt-cv-tax-tutelas-2000'>Tutelas 2000<\/a><\/div>\n<h4 class=\"pt-cv-title\"><a href=\"https:\/\/www.dmsjuridica.com\/buscador_20179478954\/corteconstitucionalcronologico202454587\/t-1299-00\/\" class=\"_self\" target=\"_self\" >T-1299-00<\/a><\/h4>\n<div class=\"pt-cv-content\">\u00a0 \u00a0 Sentencia T-1299\/00 \u00a0 ACCION DE TUTELA CONTRA PARTICULARES-Subordinaci\u00f3n \u00a0 LIBERTAD DE TRABAJO-Deportistas \u00a0 JUGADOR DE FUTBOL-Transferencias\/DERECHO AL TRABAJO-Estabilidad en una actividad determinada \u00a0 LIBERTAD DE ESCOGER PROFESION U OFICIO-Deportistas \u00a0 ESCLAVITUD-Prohibici\u00f3n \u00a0 LIBERTAD CONTRACTUAL DEL DEPORTISTA-Autolimitaci\u00f3n \u00a0 La prohibici\u00f3n que recae sobre el deportista de contratar con otro club sin antes haberse perfeccionado un convenio econ\u00f3mico entre los entes involucrados, adopta la forma aparente de una autolimitaci\u00f3n de la libertad contractual en virtud de las normas particulares que regulan la pr\u00e1ctica institucional del f\u00fatbol. Bajo esta \u00f3ptica, se tratar\u00eda simplemente de la exclusividad a la que se obliga ...<br \/><div class=\"pt-cv-rmwrap\"><a href=\"https:\/\/www.dmsjuridica.com\/buscador_20179478954\/corteconstitucionalcronologico202454587\/t-1299-00\/\" class=\"_self pt-cv-readmore btn btn-success\" target=\"_self\">Ver Sentencia Completa...<\/a><\/div><\/div><\/div><\/div>\n<div class=\"col-md-12 col-sm-12 col-xs-12 pt-cv-content-item pt-cv-1-col\" ><div class='pt-cv-ifield'><a href=\"https:\/\/www.dmsjuridica.com\/buscador_20179478954\/corteconstitucionalcronologico202454587\/t-1298-00\/\" class=\"_self pt-cv-href-thumbnail pt-cv-thumb-default\" target=\"_self\" ><\/a>\n<div class=\"pt-cv-taxoterm above_title\"><a href='https:\/\/www.dmsjuridica.com\/buscador_20179478954\/corteconstitucionalcronologico202454587\/category\/buscar-en-toda-la-corte\/2000\/tutelas-2000\/' title='Tutelas 2000' class='pt-cv-tax-tutelas-2000'>Tutelas 2000<\/a><\/div>\n<h4 class=\"pt-cv-title\"><a href=\"https:\/\/www.dmsjuridica.com\/buscador_20179478954\/corteconstitucionalcronologico202454587\/t-1298-00\/\" class=\"_self\" target=\"_self\" >T-1298-00<\/a><\/h4>\n<div class=\"pt-cv-content\">\u00a0 \u00a0 Sentencia T-1298\/00 \u00a0 DERECHO A LA SALUD-Fundamental por conexidad \u00a0 DERECHO A LA SALUD-Protecci\u00f3n preventiva y no solamente en casos de gravedad \u00a0 ENTIDAD PROMOTORA DE SALUD-Pr\u00e1ctica de cirug\u00eda de cadera\/ENTIDAD PROMOTORA DE SALUD-Repetici\u00f3n contra el FOSYGA \u00a0 Referencia: expediente T-320949 \u00a0 Acci\u00f3n de tutela instaurada por Javier Herrera Bustamante contra el I.S.S., Seccional Valle del Cauca y otros. \u00a0 Magistrado Ponente: \u00a0 Bogot\u00e1, D.C., septiembre veinticinco (25) del dos mil (2000) \u00a0\u00a0 \u00a0 \u00a0 \u00a0 La Sala S\u00e9ptima de Revisi\u00f3n de Tutelas de la Corte Constitucional, integrada por los Magistrados VLADIMIRO NARANJO MESA, ALVARO TAFUR GALVIS y ...<br \/><div class=\"pt-cv-rmwrap\"><a href=\"https:\/\/www.dmsjuridica.com\/buscador_20179478954\/corteconstitucionalcronologico202454587\/t-1298-00\/\" class=\"_self pt-cv-readmore btn btn-success\" target=\"_self\">Ver Sentencia Completa...<\/a><\/div><\/div><\/div><\/div>\n<div class=\"col-md-12 col-sm-12 col-xs-12 pt-cv-content-item pt-cv-1-col\" ><div class='pt-cv-ifield'><a href=\"https:\/\/www.dmsjuridica.com\/buscador_20179478954\/corteconstitucionalcronologico202454587\/t-1297-00\/\" class=\"_self pt-cv-href-thumbnail pt-cv-thumb-default\" target=\"_self\" ><\/a>\n<div class=\"pt-cv-taxoterm above_title\"><a href='https:\/\/www.dmsjuridica.com\/buscador_20179478954\/corteconstitucionalcronologico202454587\/category\/buscar-en-toda-la-corte\/2000\/tutelas-2000\/' title='Tutelas 2000' class='pt-cv-tax-tutelas-2000'>Tutelas 2000<\/a><\/div>\n<h4 class=\"pt-cv-title\"><a href=\"https:\/\/www.dmsjuridica.com\/buscador_20179478954\/corteconstitucionalcronologico202454587\/t-1297-00\/\" class=\"_self\" target=\"_self\" >T-1297-00<\/a><\/h4>\n<div class=\"pt-cv-content\">\u00a0 \u00a0 Sentencia T-1297\/00 \u00a0 ACCION DE TUTELA-Procedencia excepcional pago de acreencias laborales\/DERECHO AL MINIMO VITAL DEL TRABAJADOR-Pago oportuno de salarios \u00a0 DERECHO AL SUBSIDIO FAMILIAR DEL NI\u00d1O-Protecci\u00f3n por tutela \u00a0 DERECHO A LA SEGURIDAD SOCIAL DEL NI\u00d1O-Fundamental \u00a0 Reiteraci\u00f3n de Jurisprudencia \u00a0 Referencia: expediente T-321067 \u00a0 Acci\u00f3n de tutela instaurada por Evelio Rafael Romero Oyola, Arcelio Aristides Rojas Sierra, Lacides Guillermo Madera Palacios, Adolfo Antonio Rivera Garc\u00eda, Jos\u00e9 Reinaldo Gallego, Arnulfo Duque Garc\u00eda, Marco Antonio G\u00f3mez P\u00e9rez, Remberto Antonio Alvarez, Jairo Guti\u00e9rrez Taborda, Jhon Jairo Gaviria Londo\u00f1o, Jos\u00e9 Pablo Sucerquia Parra, Carlos Alberto Parra Alvarez, Wilson de Jes\u00fas Ram\u00edrez ...<br \/><div class=\"pt-cv-rmwrap\"><a href=\"https:\/\/www.dmsjuridica.com\/buscador_20179478954\/corteconstitucionalcronologico202454587\/t-1297-00\/\" class=\"_self pt-cv-readmore btn btn-success\" target=\"_self\">Ver Sentencia Completa...<\/a><\/div><\/div><\/div><\/div>\n<div class=\"col-md-12 col-sm-12 col-xs-12 pt-cv-content-item pt-cv-1-col\" ><div class='pt-cv-ifield'><a href=\"https:\/\/www.dmsjuridica.com\/buscador_20179478954\/corteconstitucionalcronologico202454587\/t-1296-00\/\" class=\"_self pt-cv-href-thumbnail pt-cv-thumb-default\" target=\"_self\" ><\/a>\n<div class=\"pt-cv-taxoterm above_title\"><a href='https:\/\/www.dmsjuridica.com\/buscador_20179478954\/corteconstitucionalcronologico202454587\/category\/buscar-en-toda-la-corte\/2000\/tutelas-2000\/' title='Tutelas 2000' class='pt-cv-tax-tutelas-2000'>Tutelas 2000<\/a><\/div>\n<h4 class=\"pt-cv-title\"><a href=\"https:\/\/www.dmsjuridica.com\/buscador_20179478954\/corteconstitucionalcronologico202454587\/t-1296-00\/\" class=\"_self\" target=\"_self\" >T-1296-00<\/a><\/h4>\n<div class=\"pt-cv-content\">\u00a0 \u00a0 Sentencia T-1296\/00 \u00a0 REGIMEN DE CESANTIAS-Cambio de legislaci\u00f3n no justifica trato diferencial \u00a0 DERECHO DE PETICION EN CESANTIAS PARCIALES-Respuesta sobre reconocimiento no sujeta a disponibilidad presupuestal \u00a0 CESANTIAS PARCIALES-Apropiaci\u00f3n para el pago no debe implicar alteraci\u00f3n turno de entrega \u00a0 Referencia: expediente T- 320916 \u00a0 Acci\u00f3n de tutela presentada por Eduardo Obando Mahecha contra el Ministerio de Hacienda y Cr\u00e9dito P\u00fablico y la Direcci\u00f3n Ejecutiva Seccional de Administraci\u00f3n Judicial de Santaf\u00e9 de Bogot\u00e1- \u00a0 Cundinamarca. \u00a0 Magistrado Ponente\u00a0: \u00a0 Dr. FABIO MOR\u00d3N D\u00cdAZ \u00a0 Bogot\u00e1, D.C., septiembre veinticinco (25) del dos mil (2.000) \u00a0 La Sala S\u00e9ptima de ...<br \/><div class=\"pt-cv-rmwrap\"><a href=\"https:\/\/www.dmsjuridica.com\/buscador_20179478954\/corteconstitucionalcronologico202454587\/t-1296-00\/\" class=\"_self pt-cv-readmore btn btn-success\" target=\"_self\">Ver Sentencia Completa...<\/a><\/div><\/div><\/div><\/div>\n<div class=\"col-md-12 col-sm-12 col-xs-12 pt-cv-content-item pt-cv-1-col\" ><div class='pt-cv-ifield'><a href=\"https:\/\/www.dmsjuridica.com\/buscador_20179478954\/corteconstitucionalcronologico202454587\/t-1295-00\/\" class=\"_self pt-cv-href-thumbnail pt-cv-thumb-default\" target=\"_self\" ><\/a>\n<div class=\"pt-cv-taxoterm above_title\"><a href='https:\/\/www.dmsjuridica.com\/buscador_20179478954\/corteconstitucionalcronologico202454587\/category\/buscar-en-toda-la-corte\/2000\/tutelas-2000\/' title='Tutelas 2000' class='pt-cv-tax-tutelas-2000'>Tutelas 2000<\/a><\/div>\n<h4 class=\"pt-cv-title\"><a href=\"https:\/\/www.dmsjuridica.com\/buscador_20179478954\/corteconstitucionalcronologico202454587\/t-1295-00\/\" class=\"_self\" target=\"_self\" >T-1295-00<\/a><\/h4>\n<div class=\"pt-cv-content\">\u00a0 \u00a0 Sentencia T-1295\/00 \u00a0 ACCION DE TUTELA TEMERARIA \u00a0 Referencia: expediente T-323541 \u00a0 Acci\u00f3n de tutela instaurada por Adelfa Sandoval Cardenas contra el Hospital Federico Lleras Acosta E.S.E. de Ibagu\u00e9. \u00a0 Magistrado Ponente: \u00a0 Dr. FABIO MORON DIAZ\u00a0 \u00a0 La Sala S\u00e9ptima de Revisi\u00f3n de Tutelas de la Corte Constitucional, integrada por los Magistrados VLADIMIRO NARANJO MESA, ALVARO TAFUR GALVIS y FABIO MORON DIAZ, en ejercicio de sus competencias constitucionales y legales, ha proferido la siguiente \u00a0 SENTENCIA \u00a0 en el proceso de revisi\u00f3n de los fallos proferidos por el Juzgado Cuarto de familia de Ibagu\u00e9 y por el ...<br \/><div class=\"pt-cv-rmwrap\"><a href=\"https:\/\/www.dmsjuridica.com\/buscador_20179478954\/corteconstitucionalcronologico202454587\/t-1295-00\/\" class=\"_self pt-cv-readmore btn btn-success\" target=\"_self\">Ver Sentencia Completa...<\/a><\/div><\/div><\/div><\/div>\n<div class=\"col-md-12 col-sm-12 col-xs-12 pt-cv-content-item pt-cv-1-col\" ><div class='pt-cv-ifield'><a href=\"https:\/\/www.dmsjuridica.com\/buscador_20179478954\/corteconstitucionalcronologico202454587\/t-1294-00\/\" class=\"_self pt-cv-href-thumbnail pt-cv-thumb-default\" target=\"_self\" ><\/a>\n<div class=\"pt-cv-taxoterm above_title\"><a href='https:\/\/www.dmsjuridica.com\/buscador_20179478954\/corteconstitucionalcronologico202454587\/category\/buscar-en-toda-la-corte\/2000\/tutelas-2000\/' title='Tutelas 2000' class='pt-cv-tax-tutelas-2000'>Tutelas 2000<\/a><\/div>\n<h4 class=\"pt-cv-title\"><a href=\"https:\/\/www.dmsjuridica.com\/buscador_20179478954\/corteconstitucionalcronologico202454587\/t-1294-00\/\" class=\"_self\" target=\"_self\" >T-1294-00<\/a><\/h4>\n<div class=\"pt-cv-content\">\u00a0 \u00a0 Sentencia T-1294\/00 \u00a0 DERECHO DE PETICION-Alcance\/DERECHO DE PETICION-N\u00facleo esencial \u00a0 BONOS PENSIONALES-Procedencia de tutela para reclamar la remisi\u00f3n \u00a0 DERECHO A LA VIDA-Remisi\u00f3n oportuna del bono pensional\/DERECHOS DE PERSONAS DE LA TERCERA EDAD-Remisi\u00f3n oportuna del bono pensional \u00a0 PENSION DE JUBILACION-No puede negarse reconocimiento si se ha emitido y expedido el bono pensional \u00a0 Referencia: expediente T-323880 \u00a0 Acci\u00f3n de tutela interpuesta por H\u00e9ctor Silvio Ort\u00edz contra el Instituto de los Seguros Sociales- Seccional Nari\u00f1o. \u00a0 Magistrado Ponente: \u00a0 Dr. FABIO MOR\u00d3N D\u00cdAZ \u00a0 Bogot\u00e1, D.C., septiembre veinticinco (25) del dos mil (2.000). \u00a0 SENTENCIA \u00a0 En el ...<br \/><div class=\"pt-cv-rmwrap\"><a href=\"https:\/\/www.dmsjuridica.com\/buscador_20179478954\/corteconstitucionalcronologico202454587\/t-1294-00\/\" class=\"_self pt-cv-readmore btn btn-success\" target=\"_self\">Ver Sentencia Completa...<\/a><\/div><\/div><\/div><\/div>\n<div class=\"col-md-12 col-sm-12 col-xs-12 pt-cv-content-item pt-cv-1-col\" ><div class='pt-cv-ifield'><a href=\"https:\/\/www.dmsjuridica.com\/buscador_20179478954\/corteconstitucionalcronologico202454587\/t-1293-00\/\" class=\"_self pt-cv-href-thumbnail pt-cv-thumb-default\" target=\"_self\" ><\/a>\n<div class=\"pt-cv-taxoterm above_title\"><a href='https:\/\/www.dmsjuridica.com\/buscador_20179478954\/corteconstitucionalcronologico202454587\/category\/buscar-en-toda-la-corte\/2000\/tutelas-2000\/' title='Tutelas 2000' class='pt-cv-tax-tutelas-2000'>Tutelas 2000<\/a><\/div>\n<h4 class=\"pt-cv-title\"><a href=\"https:\/\/www.dmsjuridica.com\/buscador_20179478954\/corteconstitucionalcronologico202454587\/t-1293-00\/\" class=\"_self\" target=\"_self\" >T-1293-00<\/a><\/h4>\n<div class=\"pt-cv-content\">\u00a0 \u00a0 Sentencia T-1293\/00 \u00a0 DERECHO DE PETICION-N\u00facleo esencial \u00a0 BONOS PENSIONALES-Procedencia de tutela para reclamar la remisi\u00f3n \u00a0 DERECHO A LA VIDA-Remisi\u00f3n oportuna del bono pensional\/DERECHOS DE PERSONAS DE LA TERCERA EDAD-Remisi\u00f3n oportuna del bono pensional \u00a0 PENSION DE JUBILACION-No puede negarse reconocimiento si se ha emitido y expedido el bono pensional \u00a0 Si alguien tiene el status de jubilado y por la demora en la emisi\u00f3n de los bonos (algo extra\u00f1o a la persona que ha adquirido su derecho a la pensi\u00f3n de vejez) se profiere una Resoluci\u00f3n negando la pensi\u00f3n, dicha resoluci\u00f3n incurre en v\u00eda de hecho ...<br \/><div class=\"pt-cv-rmwrap\"><a href=\"https:\/\/www.dmsjuridica.com\/buscador_20179478954\/corteconstitucionalcronologico202454587\/t-1293-00\/\" class=\"_self pt-cv-readmore btn btn-success\" target=\"_self\">Ver Sentencia Completa...<\/a><\/div><\/div><\/div><\/div>\n<div class=\"col-md-12 col-sm-12 col-xs-12 pt-cv-content-item pt-cv-1-col\" ><div class='pt-cv-ifield'><a href=\"https:\/\/www.dmsjuridica.com\/buscador_20179478954\/corteconstitucionalcronologico202454587\/t-1292-00\/\" class=\"_self pt-cv-href-thumbnail pt-cv-thumb-default\" target=\"_self\" ><\/a>\n<div class=\"pt-cv-taxoterm above_title\"><a href='https:\/\/www.dmsjuridica.com\/buscador_20179478954\/corteconstitucionalcronologico202454587\/category\/buscar-en-toda-la-corte\/2000\/tutelas-2000\/' title='Tutelas 2000' class='pt-cv-tax-tutelas-2000'>Tutelas 2000<\/a><\/div>\n<h4 class=\"pt-cv-title\"><a href=\"https:\/\/www.dmsjuridica.com\/buscador_20179478954\/corteconstitucionalcronologico202454587\/t-1292-00\/\" class=\"_self\" target=\"_self\" >T-1292-00<\/a><\/h4>\n<div class=\"pt-cv-content\">\u00a0 \u00a0 Sentencia T-1292\/00 \u00a0 DERECHO DE PETICION-N\u00facleo esencial\/DERECHO DE PETICION-Solicitud pensi\u00f3n de sobreviviente \u00a0 Referencia: expediente T-325894 \u00a0 Acci\u00f3n de tutela instaurada por Yamith Renteria Qui\u00f1onez contra el Instituto de los Seguros Sociales, Seccional Valle del Cauca. \u00a0 Magistrado ponente: \u00a0 Dr. FABIO MORON DIAZ. \u00a0 Bogot\u00e1, D.C., septiembre veinticinco (25) del 2000. \u00a0 La Sala S\u00e9ptima de Revisi\u00f3n de tutelas de la Corte Constitucional, \u00a0integrada por los Magistrados VLADIMIRO NARANJO MESA, ALVARO TAFUR GALVIS y FABIO MORON DIAZ, en ejercicio de sus competencias constitucionales y legales, ha proferido la siguiente \u00a0 SENTENCIA \u00a0 en el proceso de revisi\u00f3n ...<br \/><div class=\"pt-cv-rmwrap\"><a href=\"https:\/\/www.dmsjuridica.com\/buscador_20179478954\/corteconstitucionalcronologico202454587\/t-1292-00\/\" class=\"_self pt-cv-readmore btn btn-success\" target=\"_self\">Ver Sentencia Completa...<\/a><\/div><\/div><\/div><\/div>\n<div class=\"col-md-12 col-sm-12 col-xs-12 pt-cv-content-item pt-cv-1-col\" ><div class='pt-cv-ifield'><a href=\"https:\/\/www.dmsjuridica.com\/buscador_20179478954\/corteconstitucionalcronologico202454587\/t-1291-00\/\" class=\"_self pt-cv-href-thumbnail pt-cv-thumb-default\" target=\"_self\" ><\/a>\n<div class=\"pt-cv-taxoterm above_title\"><a href='https:\/\/www.dmsjuridica.com\/buscador_20179478954\/corteconstitucionalcronologico202454587\/category\/buscar-en-toda-la-corte\/2000\/tutelas-2000\/' title='Tutelas 2000' class='pt-cv-tax-tutelas-2000'>Tutelas 2000<\/a><\/div>\n<h4 class=\"pt-cv-title\"><a href=\"https:\/\/www.dmsjuridica.com\/buscador_20179478954\/corteconstitucionalcronologico202454587\/t-1291-00\/\" class=\"_self\" target=\"_self\" >T-1291-00<\/a><\/h4>\n<div class=\"pt-cv-content\">\u00a0 \u00a0 Sentencia T-1291\/00 \u00a0 DERECHOS DEL INTERNO-Responsabilidad del Estado en atenci\u00f3n a la salud \u00a0 DERECHO A LA DIGNIDAD HUMANA DEL INTERNO-Funci\u00f3n resocializadora \u00a0 ESTADO DE COSAS INCONSTITUCIONAL EN ESTABLECIMIENTO CARCELARIO \u00a0 DERECHO A LA SALUD DEL INTERNO-Protecci\u00f3n \u00a0 Referencia: expediente T-262979 \u00a0 Acci\u00f3n de tutela incoada por Bernardo Gamboa Vidal contra el \"Hospital Federico Lleras Acosta de Ibagu\u00e9\" y el \"Instituto Nacional de Medicina Legal y Ciencias Forenses\". \u00a0 Magistrado Ponente: \u00a0 Dr. JOS\u00c9 GREGORIO HERN\u00c1NDEZ GALINDO\u00a0 \u00a0 Bogot\u00e1, D.C., veinticinco (25) de septiembre de dos mil (2000). \u00a0 La Sala Quinta de Revisi\u00f3n de la Corte Constitucional, ...<br \/><div class=\"pt-cv-rmwrap\"><a href=\"https:\/\/www.dmsjuridica.com\/buscador_20179478954\/corteconstitucionalcronologico202454587\/t-1291-00\/\" class=\"_self pt-cv-readmore btn btn-success\" target=\"_self\">Ver Sentencia Completa...<\/a><\/div><\/div><\/div><\/div>\n<div class=\"col-md-12 col-sm-12 col-xs-12 pt-cv-content-item pt-cv-1-col\" ><div class='pt-cv-ifield'><a href=\"https:\/\/www.dmsjuridica.com\/buscador_20179478954\/corteconstitucionalcronologico202454587\/t-1290-00\/\" class=\"_self pt-cv-href-thumbnail pt-cv-thumb-default\" target=\"_self\" ><\/a>\n<div class=\"pt-cv-taxoterm above_title\"><a href='https:\/\/www.dmsjuridica.com\/buscador_20179478954\/corteconstitucionalcronologico202454587\/category\/buscar-en-toda-la-corte\/2000\/tutelas-2000\/' title='Tutelas 2000' class='pt-cv-tax-tutelas-2000'>Tutelas 2000<\/a><\/div>\n<h4 class=\"pt-cv-title\"><a href=\"https:\/\/www.dmsjuridica.com\/buscador_20179478954\/corteconstitucionalcronologico202454587\/t-1290-00\/\" class=\"_self\" target=\"_self\" >T-1290-00<\/a><\/h4>\n<div class=\"pt-cv-content\">\u00a0 \u00a0 Sentencia T-1290\/00 \u00a0 ACCION DE TUTELA-Improcedencia contra actos de car\u00e1cter general, impersonal y abstracto \u00a0 EXCEPCION DE INCONSTITUCIONALIDAD-Aplicaci\u00f3n\/SUPREMACIA DE LA CONSTITUCION POLITICA \u00a0 DERECHO A LA EDUCACION-Funci\u00f3n social\/DERECHO A LA EDUCACION-No admite restricciones injustificadas \u00a0 DERECHO A LA EDUCACION-Factor de desarrollo humano \u00a0 DERECHO A LA EDUCACION-Ingreso de menores a jornada nocturna \u00a0 Referencia: expedientes acumulados T-323808, T-323809, T-323851 y 333775\u00a0 \u00a0 \u00a0 \u00a0 Acciones de tutela incoadas por Mery Calder\u00f3n Palomino, en representaci\u00f3n de Diana Carolina Calder\u00f3n Calder\u00f3n; Franklin Nu\u00f1ez Ramos, agente del Ministerio P\u00fablico, en representaci\u00f3n de los menores Alexander Barreiro Garc\u00eda; y Magda Lorena Pava ...<br \/><div class=\"pt-cv-rmwrap\"><a href=\"https:\/\/www.dmsjuridica.com\/buscador_20179478954\/corteconstitucionalcronologico202454587\/t-1290-00\/\" class=\"_self pt-cv-readmore btn btn-success\" target=\"_self\">Ver Sentencia Completa...<\/a><\/div><\/div><\/div><\/div>\n<div class=\"col-md-12 col-sm-12 col-xs-12 pt-cv-content-item pt-cv-1-col\" ><div class='pt-cv-ifield'><a href=\"https:\/\/www.dmsjuridica.com\/buscador_20179478954\/corteconstitucionalcronologico202454587\/t-129-00\/\" class=\"_self pt-cv-href-thumbnail pt-cv-thumb-default\" target=\"_self\" ><\/a>\n<div class=\"pt-cv-taxoterm above_title\"><a href='https:\/\/www.dmsjuridica.com\/buscador_20179478954\/corteconstitucionalcronologico202454587\/category\/buscar-en-toda-la-corte\/2000\/tutelas-2000\/' title='Tutelas 2000' class='pt-cv-tax-tutelas-2000'>Tutelas 2000<\/a><\/div>\n<h4 class=\"pt-cv-title\"><a href=\"https:\/\/www.dmsjuridica.com\/buscador_20179478954\/corteconstitucionalcronologico202454587\/t-129-00\/\" class=\"_self\" target=\"_self\" >T-129-00<\/a><\/h4>\n<div class=\"pt-cv-content\">\u00a0 \u00a0 Sentencia T-129\/00 \u00a0 ACCION DE TUTELA-Procedencia excepcional pago de acreencias laborales\/DERECHO AL MINIMO VITAL-Definici\u00f3n \u00a0 Esta Corporaci\u00f3n ha reiterado en varios de sus fallos que la acci\u00f3n de tutela no procede para el pago de acreencias laborales, a menos que se est\u00e9 afectando el denominado m\u00ednimo vital, que se ha definido como aquella porci\u00f3n absolutamente indispensable para cubrir las necesidades b\u00e1sicas de alimentaci\u00f3n, vestuario, educaci\u00f3n y seguridad social. Cuando tal afectaci\u00f3n se ha producido, esta Corte ha concedido la tutela en aras de salvaguardar la subsistencia digna del peticionario y de los suyos. \u00a0 SALARIO-Pago oportuno \u00a0 El ...<br \/><div class=\"pt-cv-rmwrap\"><a href=\"https:\/\/www.dmsjuridica.com\/buscador_20179478954\/corteconstitucionalcronologico202454587\/t-129-00\/\" class=\"_self pt-cv-readmore btn btn-success\" target=\"_self\">Ver Sentencia Completa...<\/a><\/div><\/div><\/div><\/div>\n<div class=\"col-md-12 col-sm-12 col-xs-12 pt-cv-content-item pt-cv-1-col\" ><div class='pt-cv-ifield'><a href=\"https:\/\/www.dmsjuridica.com\/buscador_20179478954\/corteconstitucionalcronologico202454587\/t-1289-00\/\" class=\"_self pt-cv-href-thumbnail pt-cv-thumb-default\" target=\"_self\" ><\/a>\n<div class=\"pt-cv-taxoterm above_title\"><a href='https:\/\/www.dmsjuridica.com\/buscador_20179478954\/corteconstitucionalcronologico202454587\/category\/buscar-en-toda-la-corte\/2000\/tutelas-2000\/' title='Tutelas 2000' class='pt-cv-tax-tutelas-2000'>Tutelas 2000<\/a><\/div>\n<h4 class=\"pt-cv-title\"><a href=\"https:\/\/www.dmsjuridica.com\/buscador_20179478954\/corteconstitucionalcronologico202454587\/t-1289-00\/\" class=\"_self\" target=\"_self\" >T-1289-00<\/a><\/h4>\n<div class=\"pt-cv-content\">\u00a0 \u00a0 Sentencia T-1289\/00 \u00a0\u00a0 \u00a0 DERECHO DE PETICION-Alcance\/DERECHO DE PETICION Y DEBIDO PROCESO EN VIA GUBERNATIVA-Resoluci\u00f3n oportuna de recurso de apelaci\u00f3n\/DERECHO DE PETICION FRENTE AL SILENCIO ADMINISTRATIVO NEGATIVO-Resoluci\u00f3n oportuna de recurso de apelaci\u00f3n \u00a0 Referencia: expediente T- 322 506 \u00a0 Acci\u00f3n de tutela instaurada por Rafael de Jes\u00fas P\u00e9rez Montoya contra Cajanal. \u00a0 Magistrado Ponente: \u00a0 Dr. FABIO MORON DIAZ\u00a0 \u00a0 Bogot\u00e1 D.C., septiembre diecinueve (19) de dos mil (2000). \u00a0 La Sala S\u00e9ptima de Revisi\u00f3n de la Corte Constitucional, en ejercicio de sus competencias constitucionales y legales, espec\u00edficamente las previstas en los art\u00edculos 86 y 241, numeral 9, ...<br \/><div class=\"pt-cv-rmwrap\"><a href=\"https:\/\/www.dmsjuridica.com\/buscador_20179478954\/corteconstitucionalcronologico202454587\/t-1289-00\/\" class=\"_self pt-cv-readmore btn btn-success\" target=\"_self\">Ver Sentencia Completa...<\/a><\/div><\/div><\/div><\/div>\n<div class=\"col-md-12 col-sm-12 col-xs-12 pt-cv-content-item pt-cv-1-col\" ><div class='pt-cv-ifield'><a href=\"https:\/\/www.dmsjuridica.com\/buscador_20179478954\/corteconstitucionalcronologico202454587\/t-1288-00\/\" class=\"_self pt-cv-href-thumbnail pt-cv-thumb-default\" target=\"_self\" ><\/a>\n<div class=\"pt-cv-taxoterm above_title\"><a href='https:\/\/www.dmsjuridica.com\/buscador_20179478954\/corteconstitucionalcronologico202454587\/category\/buscar-en-toda-la-corte\/2000\/tutelas-2000\/' title='Tutelas 2000' class='pt-cv-tax-tutelas-2000'>Tutelas 2000<\/a><\/div>\n<h4 class=\"pt-cv-title\"><a href=\"https:\/\/www.dmsjuridica.com\/buscador_20179478954\/corteconstitucionalcronologico202454587\/t-1288-00\/\" class=\"_self\" target=\"_self\" >T-1288-00<\/a><\/h4>\n<div class=\"pt-cv-content\">\u00a0 \u00a0 Sentencia T-1288\/00 \u00a0 AUTONOMIA UNIVERSITARIA-No es absoluta\/DERECHOS ADQUIRIDOS-Respeto \u00a0 IRRETROACTIVIDAD DE LA LEY-Reglamento de instituci\u00f3n universitaria\/PRINCIPIO DE LA BUENA FE-Irretroactividad de reglamento de instituci\u00f3n universitaria \u00a0 INSTITUCION UNIVERSITARIA-Modificaci\u00f3n de reglamento en cuanto a presentaci\u00f3n de preparatorios \u00a0 Referencia: expediente T-311559 \u00a0 Acci\u00f3n de tutela instaurada por Nubia Azucena L\u00f3pez Ort\u00edz, Martha Yaneth Mayorga Rodr\u00edguez, Angela Clementina Mu\u00f1oz Mosquera, Diana Cristina Oviedo Luna, Adriana Duarte S\u00e1nchez, Norma Constanza Rubiano Restrepo, Yenny Astrid Acero Cubidez, Marcela Alejandra Sabogal Moreno, Tatiana Mart\u00ednez Capella, Mar\u00eda Alicia Cajamarca L\u00f3pez, Claudia M\u00f3nica Prieto D\u00edaz, Liliana Patricia Quintero Fonseca, Yalid Adriana L\u00f3pez Valderrama, Luz Angela ...<br \/><div class=\"pt-cv-rmwrap\"><a href=\"https:\/\/www.dmsjuridica.com\/buscador_20179478954\/corteconstitucionalcronologico202454587\/t-1288-00\/\" class=\"_self pt-cv-readmore btn btn-success\" target=\"_self\">Ver Sentencia Completa...<\/a><\/div><\/div><\/div><\/div>\n<div class=\"col-md-12 col-sm-12 col-xs-12 pt-cv-content-item pt-cv-1-col\" ><div class='pt-cv-ifield'><a href=\"https:\/\/www.dmsjuridica.com\/buscador_20179478954\/corteconstitucionalcronologico202454587\/t-1287-00\/\" class=\"_self pt-cv-href-thumbnail pt-cv-thumb-default\" target=\"_self\" ><\/a>\n<div class=\"pt-cv-taxoterm above_title\"><a href='https:\/\/www.dmsjuridica.com\/buscador_20179478954\/corteconstitucionalcronologico202454587\/category\/buscar-en-toda-la-corte\/2000\/tutelas-2000\/' title='Tutelas 2000' class='pt-cv-tax-tutelas-2000'>Tutelas 2000<\/a><\/div>\n<h4 class=\"pt-cv-title\"><a href=\"https:\/\/www.dmsjuridica.com\/buscador_20179478954\/corteconstitucionalcronologico202454587\/t-1287-00\/\" class=\"_self\" target=\"_self\" >T-1287-00<\/a><\/h4>\n<div class=\"pt-cv-content\">\u00a0 \u00a0 Sentencia T-1287\/00 \u00a0 ACCION DE TUTELA-Hecho superado \u00a0 URGENCIAS EN ENFERMEDADES DE ALTO COSTO-Atenci\u00f3n inmediata sin tener en cuenta periodos m\u00ednimos de cotizaci\u00f3n ni capacidad de pago \u00a0 Referencia: expediente T-323426\u00a0 \u00a0 Acci\u00f3n de tutela instaurada por Flor Elba Morales Franco contra Cafesalud E.P.S. \u00a0 Magistrado Ponente: \u00a0 Dr. FABIO MORON DIAZ \u00a0 Bogot\u00e1 D.C, septiembre diecinueve (19) de dos mil (2000). \u00a0 La Sala S\u00e9ptima de Revisi\u00f3n de la Corte Constitucional, en ejercicio de sus competencias constitucionales y legales, espec\u00edficamente las previstas en los art\u00edculos 86 y 241, numeral 9, de la Constituci\u00f3n Pol\u00edtica y en el ...<br \/><div class=\"pt-cv-rmwrap\"><a href=\"https:\/\/www.dmsjuridica.com\/buscador_20179478954\/corteconstitucionalcronologico202454587\/t-1287-00\/\" class=\"_self pt-cv-readmore btn btn-success\" target=\"_self\">Ver Sentencia Completa...<\/a><\/div><\/div><\/div><\/div>\n<div class=\"col-md-12 col-sm-12 col-xs-12 pt-cv-content-item pt-cv-1-col\" ><div class='pt-cv-ifield'><a href=\"https:\/\/www.dmsjuridica.com\/buscador_20179478954\/corteconstitucionalcronologico202454587\/t-1286-00\/\" class=\"_self pt-cv-href-thumbnail pt-cv-thumb-default\" target=\"_self\" ><\/a>\n<div class=\"pt-cv-taxoterm above_title\"><a href='https:\/\/www.dmsjuridica.com\/buscador_20179478954\/corteconstitucionalcronologico202454587\/category\/buscar-en-toda-la-corte\/2000\/tutelas-2000\/' title='Tutelas 2000' class='pt-cv-tax-tutelas-2000'>Tutelas 2000<\/a><\/div>\n<h4 class=\"pt-cv-title\"><a href=\"https:\/\/www.dmsjuridica.com\/buscador_20179478954\/corteconstitucionalcronologico202454587\/t-1286-00\/\" class=\"_self\" target=\"_self\" >T-1286-00<\/a><\/h4>\n<div class=\"pt-cv-content\">\u00a0 \u00a0 Sentencia T-1286\/00 \u00a0 ACCION DE TUTELA-Improcedencia por inexistencia de pruebas en relaci\u00f3n con la vulneraci\u00f3n o amenaza \u00a0 Reiteraci\u00f3n de jurisprudencia \u00a0 Referencia: expediente: T-331055 \u00a0 Acci\u00f3n de tutela instaurada por Virgelina Narv\u00e1ez D\u00edaz contra el Instituto de los Seguros Sociales. \u00a0 Magistrado Ponente: \u00a0 Dr. ANTONIO BARRERA CARBONELL \u00a0 Bogot\u00e1, D.C., septiembre veinticinco (25) de dos mil (2000). \u00a0 La Sala Primera de Revisi\u00f3n de la Corte Constitucional, integrada por los magistrados Antonio Barrera Carbonell, Alfredo Beltr\u00e1n Sierra y Martha S\u00e1chica de Moncaleano (e), en ejercicio de sus competencias constitucionales y legales, ha proferido la siguiente \u00a0 ...<br \/><div class=\"pt-cv-rmwrap\"><a href=\"https:\/\/www.dmsjuridica.com\/buscador_20179478954\/corteconstitucionalcronologico202454587\/t-1286-00\/\" class=\"_self pt-cv-readmore btn btn-success\" target=\"_self\">Ver Sentencia Completa...<\/a><\/div><\/div><\/div><\/div>\n<div class=\"col-md-12 col-sm-12 col-xs-12 pt-cv-content-item pt-cv-1-col\" ><div class='pt-cv-ifield'><a href=\"https:\/\/www.dmsjuridica.com\/buscador_20179478954\/corteconstitucionalcronologico202454587\/t-1285-00\/\" class=\"_self pt-cv-href-thumbnail pt-cv-thumb-default\" target=\"_self\" ><\/a>\n<div class=\"pt-cv-taxoterm above_title\"><a href='https:\/\/www.dmsjuridica.com\/buscador_20179478954\/corteconstitucionalcronologico202454587\/category\/buscar-en-toda-la-corte\/2000\/tutelas-2000\/' title='Tutelas 2000' class='pt-cv-tax-tutelas-2000'>Tutelas 2000<\/a><\/div>\n<h4 class=\"pt-cv-title\"><a href=\"https:\/\/www.dmsjuridica.com\/buscador_20179478954\/corteconstitucionalcronologico202454587\/t-1285-00\/\" class=\"_self\" target=\"_self\" >T-1285-00<\/a><\/h4>\n<div class=\"pt-cv-content\">\u00a0 \u00a0 Sentencia T-1285\/00 \u00a0 CESANTIAS PARCIALES-Reconocimiento y liquidaci\u00f3n no sujeto a disponibilidad presupuestal \u00a0 DERECHO A LA IGUALDAD-Discriminaci\u00f3n por raz\u00f3n del r\u00e9gimen prestacional \u00a0 Referencia: expediente: T-302051 \u00a0 Acci\u00f3n de tutela instaurada por Jael Vel\u00e1squez de Arenas contra el Departamento de Antioquia. \u00a0 Magistrado Ponente: \u00a0 Dr. ANTONIO BARRERA CARBONELL \u00a0 Bogot\u00e1, D.C., septiembre veinticinco (25) de dos mil (2000). \u00a0 SENTENCIA \u00a0 dentro del proceso de revisi\u00f3n del fallo adoptado por el Juzgado Tercero Penal Municipal de Medell\u00edn, en el tr\u00e1mite de la acci\u00f3n de tutela instaurada por Jael Vel\u00e1squez de Arenas contra el Departamento de Antioquia. \u00a0 ...<br \/><div class=\"pt-cv-rmwrap\"><a href=\"https:\/\/www.dmsjuridica.com\/buscador_20179478954\/corteconstitucionalcronologico202454587\/t-1285-00\/\" class=\"_self pt-cv-readmore btn btn-success\" target=\"_self\">Ver Sentencia Completa...<\/a><\/div><\/div><\/div><\/div>\n<div class=\"col-md-12 col-sm-12 col-xs-12 pt-cv-content-item pt-cv-1-col\" ><div class='pt-cv-ifield'><a href=\"https:\/\/www.dmsjuridica.com\/buscador_20179478954\/corteconstitucionalcronologico202454587\/t-1284-00\/\" class=\"_self pt-cv-href-thumbnail pt-cv-thumb-default\" target=\"_self\" ><\/a>\n<div class=\"pt-cv-taxoterm above_title\"><a href='https:\/\/www.dmsjuridica.com\/buscador_20179478954\/corteconstitucionalcronologico202454587\/category\/buscar-en-toda-la-corte\/2000\/tutelas-2000\/' title='Tutelas 2000' class='pt-cv-tax-tutelas-2000'>Tutelas 2000<\/a><\/div>\n<h4 class=\"pt-cv-title\"><a href=\"https:\/\/www.dmsjuridica.com\/buscador_20179478954\/corteconstitucionalcronologico202454587\/t-1284-00\/\" class=\"_self\" target=\"_self\" >T-1284-00<\/a><\/h4>\n<div class=\"pt-cv-content\">\u00a0 \u00a0 Sentencia T-1284\/00 \u00a0 ACCION DE TUTELA-Procedencia excepcional pago de acreencias laborales\/DERECHO AL MINIMO VITAL DEL TRABAJADOR-Pago oportuno de salarios \u00a0 Referencia: expediente T- 322 418 \u00a0 Acci\u00f3n de tutela instaurada por Girleza del Socorro G\u00f3mez Sierra contra Promotora de Vacaciones y Recreaci\u00f3n Social PROSOCIAL.\u00a0 \u00a0 Magistrado Ponente: \u00a0 Dr. FABIO MORON DIAZ \u00a0 Bogot\u00e1 D.C., septiembre \u00a0veintid\u00f3s (22) de dos mil (2000). \u00a0 La Sala S\u00e9ptima de Revisi\u00f3n de la Corte Constitucional, en ejercicio de sus competencias constitucionales y legales, espec\u00edficamente las previstas en los art\u00edculos 86 y 241, numeral 9, de la Constituci\u00f3n Pol\u00edtica y en el ...<br \/><div class=\"pt-cv-rmwrap\"><a href=\"https:\/\/www.dmsjuridica.com\/buscador_20179478954\/corteconstitucionalcronologico202454587\/t-1284-00\/\" class=\"_self pt-cv-readmore btn btn-success\" target=\"_self\">Ver Sentencia Completa...<\/a><\/div><\/div><\/div><\/div>\n<div class=\"col-md-12 col-sm-12 col-xs-12 pt-cv-content-item pt-cv-1-col\" ><div class='pt-cv-ifield'><a href=\"https:\/\/www.dmsjuridica.com\/buscador_20179478954\/corteconstitucionalcronologico202454587\/t-1283-00\/\" class=\"_self pt-cv-href-thumbnail pt-cv-thumb-default\" target=\"_self\" ><\/a>\n<div class=\"pt-cv-taxoterm above_title\"><a href='https:\/\/www.dmsjuridica.com\/buscador_20179478954\/corteconstitucionalcronologico202454587\/category\/buscar-en-toda-la-corte\/2000\/tutelas-2000\/' title='Tutelas 2000' class='pt-cv-tax-tutelas-2000'>Tutelas 2000<\/a><\/div>\n<h4 class=\"pt-cv-title\"><a href=\"https:\/\/www.dmsjuridica.com\/buscador_20179478954\/corteconstitucionalcronologico202454587\/t-1283-00\/\" class=\"_self\" target=\"_self\" >T-1283-00<\/a><\/h4>\n<div class=\"pt-cv-content\">\u00a0 \u00a0 Sentencia T-1283\/00 \u00a0 DERECHO AL MINIMO VITAL DEL TRABAJADOR-No afectaci\u00f3n por no pago de primas complementarias de salario a educadores \u00a0 Referencia: expedientes T-321428, T-321429, T-321430, T-321431, T-321432, T-321433, T-321796, T-323566, T-324797 y T-326270, T-328797, T-328849 y T-330912 (Acumulados). \u00a0 Actores: \u00a0 Luz Stella Ospina I. \u00a0 Luc\u00eda del Socorro Maya Yepes \u00a0 Martha Giraldo G\u00f3mez \u00a0 Elena de la Cruz Ciro Duque \u00a0 Margoth del Socorro Restrepo\u00a0 \u00a0 Mar\u00eda Judith Valencia Ram\u00edrez \u00a0 Isauro Mosquera Mosquera \u00a0\u00a0 \u00a0 Mar\u00eda Josefina L\u00f3pez Toro \u00a0 Amparo Mar\u00eda Cuesta Robledo \u00a0 Antonio Mar\u00eda Estrada Saldarriaga \u00a0 Nidia Betancur y Otras ...<br \/><div class=\"pt-cv-rmwrap\"><a href=\"https:\/\/www.dmsjuridica.com\/buscador_20179478954\/corteconstitucionalcronologico202454587\/t-1283-00\/\" class=\"_self pt-cv-readmore btn btn-success\" target=\"_self\">Ver Sentencia Completa...<\/a><\/div><\/div><\/div><\/div>\n<div class=\"col-md-12 col-sm-12 col-xs-12 pt-cv-content-item pt-cv-1-col\" ><div class='pt-cv-ifield'><a href=\"https:\/\/www.dmsjuridica.com\/buscador_20179478954\/corteconstitucionalcronologico202454587\/t-1282-00\/\" class=\"_self pt-cv-href-thumbnail pt-cv-thumb-default\" target=\"_self\" ><\/a>\n<div class=\"pt-cv-taxoterm above_title\"><a href='https:\/\/www.dmsjuridica.com\/buscador_20179478954\/corteconstitucionalcronologico202454587\/category\/buscar-en-toda-la-corte\/2000\/tutelas-2000\/' title='Tutelas 2000' class='pt-cv-tax-tutelas-2000'>Tutelas 2000<\/a><\/div>\n<h4 class=\"pt-cv-title\"><a href=\"https:\/\/www.dmsjuridica.com\/buscador_20179478954\/corteconstitucionalcronologico202454587\/t-1282-00\/\" class=\"_self\" target=\"_self\" >T-1282-00<\/a><\/h4>\n<div class=\"pt-cv-content\">\u00a0 \u00a0 Sentencia T-1282\/00 \u00a0 ACCION DE TUTELA-Hecho superado por pago de acreencias laborales \u00a0 Referencia: expediente T-320803 \u00a0 Acci\u00f3n de tutela instaurada por Manuel Barleta Acosta contra el Departamento del Magdalena. \u00a0 Magistrado Ponente: \u00a0 Dr. FABIO MORON DIAZ\u00a0 \u00a0 Bogot\u00e1, D.C., septiembre veintid\u00f3s (22) del dos mil (2000) \u00a0\u00a0 \u00a0 \u00a0 \u00a0 La Sala S\u00e9ptima de Revisi\u00f3n de Tutelas de la Corte Constitucional, integrada por los Magistrados VLADIMIRO NARANJO MESA, ALVARO TAFUR GALVIS y FABIO MORON DIAZ, en ejercicio de sus competencias constitucionales y legales, ha proferido la siguiente \u00a0 SENTENCIA \u00a0 I. \u00a0 \u00a0 \u00a0 \u00a0ANTECEDENTES \u00a0 ...<br \/><div class=\"pt-cv-rmwrap\"><a href=\"https:\/\/www.dmsjuridica.com\/buscador_20179478954\/corteconstitucionalcronologico202454587\/t-1282-00\/\" class=\"_self pt-cv-readmore btn btn-success\" target=\"_self\">Ver Sentencia Completa...<\/a><\/div><\/div><\/div><\/div>\n<div class=\"col-md-12 col-sm-12 col-xs-12 pt-cv-content-item pt-cv-1-col\" ><div class='pt-cv-ifield'><a href=\"https:\/\/www.dmsjuridica.com\/buscador_20179478954\/corteconstitucionalcronologico202454587\/t-1281-00\/\" class=\"_self pt-cv-href-thumbnail pt-cv-thumb-default\" target=\"_self\" ><\/a>\n<div class=\"pt-cv-taxoterm above_title\"><a href='https:\/\/www.dmsjuridica.com\/buscador_20179478954\/corteconstitucionalcronologico202454587\/category\/buscar-en-toda-la-corte\/2000\/tutelas-2000\/' title='Tutelas 2000' class='pt-cv-tax-tutelas-2000'>Tutelas 2000<\/a><\/div>\n<h4 class=\"pt-cv-title\"><a href=\"https:\/\/www.dmsjuridica.com\/buscador_20179478954\/corteconstitucionalcronologico202454587\/t-1281-00\/\" class=\"_self\" target=\"_self\" >T-1281-00<\/a><\/h4>\n<div class=\"pt-cv-content\">\u00a0 \u00a0 Sentencia T-1281\/00 \u00a0 ACCION DE TUTELA-Hecho superado por pago de acreencias laborales \u00a0 Referencia: expediente T-320950 \u00a0 Acci\u00f3n de tutela instaurada por EDGAR HERNAN BORRAY FRANCO contra el Municipio de Ibagu\u00e9. \u00a0 Magistrado Ponente: \u00a0 Dr. FABIO MORON DIAZ\u00a0 \u00a0 Bogot\u00e1, D.C., septiembre veintid\u00f3s (22) del dos mil (2000) \u00a0\u00a0 \u00a0 \u00a0 \u00a0 SENTENCIA \u00a0 en el proceso de revisi\u00f3n de los fallos proferidos por el Tribunal Superior del Distrito Judicial de Ibagu\u00e9, Sala Laboral y por la Sala de Casaci\u00f3n Laboral de la Corte Suprema de Justicia, dentro de la acci\u00f3n de tutela instaurada por Edgar Hern\u00e1n ...<br \/><div class=\"pt-cv-rmwrap\"><a href=\"https:\/\/www.dmsjuridica.com\/buscador_20179478954\/corteconstitucionalcronologico202454587\/t-1281-00\/\" class=\"_self pt-cv-readmore btn btn-success\" target=\"_self\">Ver Sentencia Completa...<\/a><\/div><\/div><\/div><\/div>\n<div class=\"col-md-12 col-sm-12 col-xs-12 pt-cv-content-item pt-cv-1-col\" ><div class='pt-cv-ifield'><a href=\"https:\/\/www.dmsjuridica.com\/buscador_20179478954\/corteconstitucionalcronologico202454587\/t-1280-00\/\" class=\"_self pt-cv-href-thumbnail pt-cv-thumb-default\" target=\"_self\" ><\/a>\n<div class=\"pt-cv-taxoterm above_title\"><a href='https:\/\/www.dmsjuridica.com\/buscador_20179478954\/corteconstitucionalcronologico202454587\/category\/buscar-en-toda-la-corte\/2000\/tutelas-2000\/' title='Tutelas 2000' class='pt-cv-tax-tutelas-2000'>Tutelas 2000<\/a><\/div>\n<h4 class=\"pt-cv-title\"><a href=\"https:\/\/www.dmsjuridica.com\/buscador_20179478954\/corteconstitucionalcronologico202454587\/t-1280-00\/\" class=\"_self\" target=\"_self\" >T-1280-00<\/a><\/h4>\n<div class=\"pt-cv-content\">\u00a0 \u00a0 Sentencia T-1280\/00 \u00a0 DERECHO A LA EDUCACION-Retenci\u00f3n certificado de estudios por no pago de pensi\u00f3n \u00a0 BUENA FE-Plan de pago acordado con instituci\u00f3n educativa \u00a0 Las circunstancias de la demandante en el caso concreto, corresponden a las del primer supuesto de la sentencia de unificaci\u00f3n arriba transcrita, pues no solo la grave situaci\u00f3n econ\u00f3mica que afront\u00f3 la familia se justific\u00f3 dado el desempleo que durante casi un a\u00f1o ella sufri\u00f3, lo que hace que la instituci\u00f3n acusada no pueda invocar el no pago de las pensiones atrasadas como causa leg\u00edtima para no entregar los certificados, sino que adem\u00e1s ...<br \/><div class=\"pt-cv-rmwrap\"><a href=\"https:\/\/www.dmsjuridica.com\/buscador_20179478954\/corteconstitucionalcronologico202454587\/t-1280-00\/\" class=\"_self pt-cv-readmore btn btn-success\" target=\"_self\">Ver Sentencia Completa...<\/a><\/div><\/div><\/div><\/div>\n<div class=\"col-md-12 col-sm-12 col-xs-12 pt-cv-content-item pt-cv-1-col\" ><div class='pt-cv-ifield'><a href=\"https:\/\/www.dmsjuridica.com\/buscador_20179478954\/corteconstitucionalcronologico202454587\/t-128-00\/\" class=\"_self pt-cv-href-thumbnail pt-cv-thumb-default\" target=\"_self\" ><\/a>\n<div class=\"pt-cv-taxoterm above_title\"><a href='https:\/\/www.dmsjuridica.com\/buscador_20179478954\/corteconstitucionalcronologico202454587\/category\/buscar-en-toda-la-corte\/2000\/tutelas-2000\/' title='Tutelas 2000' class='pt-cv-tax-tutelas-2000'>Tutelas 2000<\/a><\/div>\n<h4 class=\"pt-cv-title\"><a href=\"https:\/\/www.dmsjuridica.com\/buscador_20179478954\/corteconstitucionalcronologico202454587\/t-128-00\/\" class=\"_self\" target=\"_self\" >T-128-00<\/a><\/h4>\n<div class=\"pt-cv-content\">\u00a0 \u00a0 Sentencia T-128\/00 \u00a0 ACCION DE TUTELA CONTRA PARTICULARES-Procedencia excepcional\/ACCION DE TUTELA CONTRA EMPRESA DE MEDICINA PREPAGADA-Procedencia \u00a0 ACCION DE TUTELA-Procedencia excepcional sobre controversias contractuales\/CONTRATO DE MEDICINA PREPAGADA-Procedencia excepcional de tutela \u00a0 La regla general en la jurisprudencia consiste en que no pueden ser resueltas las controversias puramente contractuales mediante tutela, pues para ello existen mecanismos aptos en los procedimientos judiciales ordinarios. Pero tambi\u00e9n ha sostenido la Corte que la especial\u00edsima funci\u00f3n de los contratos de medicina prepagada puede llevar extraordinariamente a solucionar conflictos por la v\u00eda del amparo, toda vez que se trata de la salud de las ...<br \/><div class=\"pt-cv-rmwrap\"><a href=\"https:\/\/www.dmsjuridica.com\/buscador_20179478954\/corteconstitucionalcronologico202454587\/t-128-00\/\" class=\"_self pt-cv-readmore btn btn-success\" target=\"_self\">Ver Sentencia Completa...<\/a><\/div><\/div><\/div><\/div>\n<div class=\"col-md-12 col-sm-12 col-xs-12 pt-cv-content-item pt-cv-1-col\" ><div class='pt-cv-ifield'><a href=\"https:\/\/www.dmsjuridica.com\/buscador_20179478954\/corteconstitucionalcronologico202454587\/t-1279-00\/\" class=\"_self pt-cv-href-thumbnail pt-cv-thumb-default\" target=\"_self\" ><\/a>\n<div class=\"pt-cv-taxoterm above_title\"><a href='https:\/\/www.dmsjuridica.com\/buscador_20179478954\/corteconstitucionalcronologico202454587\/category\/buscar-en-toda-la-corte\/2000\/tutelas-2000\/' title='Tutelas 2000' class='pt-cv-tax-tutelas-2000'>Tutelas 2000<\/a><\/div>\n<h4 class=\"pt-cv-title\"><a href=\"https:\/\/www.dmsjuridica.com\/buscador_20179478954\/corteconstitucionalcronologico202454587\/t-1279-00\/\" class=\"_self\" target=\"_self\" >T-1279-00<\/a><\/h4>\n<div class=\"pt-cv-content\">\u00a0 \u00a0 Sentencia T-1279\/00 \u00a0 DERECHO A LA EDUCACION-Retenci\u00f3n notas y certificados de estudios por no pago de pensi\u00f3n \u00a0 Referencia: expediente T-322368 \u00a0 Acci\u00f3n de Tutela instaurada por Jhon Jairo Ruiz Lopez contra el Colegio Militar Jos\u00e9 Mar\u00eda C\u00f3rdoba. \u00a0 Magistrado Ponente: \u00a0 Dr. FABIO MORON DIAZ\u00a0 \u00a0 Bogot\u00e1, D.C., septiembre veintid\u00f3s (22) del a\u00f1o dos mil (2000) \u00a0\u00a0 \u00a0 La Sala S\u00e9ptima de Revisi\u00f3n de Tutelas de la Corte Constitucional, integrada por los Magistrados VLADIMIRO NARANJO MESA, ALVARO TAFUR GALVIS y FABIO MORON DIAZ, en ejercicio de sus competencias constitucionales y legales, ha proferido la siguiente \u00a0 SENTENCIA ...<br \/><div class=\"pt-cv-rmwrap\"><a href=\"https:\/\/www.dmsjuridica.com\/buscador_20179478954\/corteconstitucionalcronologico202454587\/t-1279-00\/\" class=\"_self pt-cv-readmore btn btn-success\" target=\"_self\">Ver Sentencia Completa...<\/a><\/div><\/div><\/div><\/div>\n<div class=\"col-md-12 col-sm-12 col-xs-12 pt-cv-content-item pt-cv-1-col\" ><div class='pt-cv-ifield'><a href=\"https:\/\/www.dmsjuridica.com\/buscador_20179478954\/corteconstitucionalcronologico202454587\/t-1278-00\/\" class=\"_self pt-cv-href-thumbnail pt-cv-thumb-default\" target=\"_self\" ><\/a>\n<div class=\"pt-cv-taxoterm above_title\"><a href='https:\/\/www.dmsjuridica.com\/buscador_20179478954\/corteconstitucionalcronologico202454587\/category\/buscar-en-toda-la-corte\/2000\/tutelas-2000\/' title='Tutelas 2000' class='pt-cv-tax-tutelas-2000'>Tutelas 2000<\/a><\/div>\n<h4 class=\"pt-cv-title\"><a href=\"https:\/\/www.dmsjuridica.com\/buscador_20179478954\/corteconstitucionalcronologico202454587\/t-1278-00\/\" class=\"_self\" target=\"_self\" >T-1278-00<\/a><\/h4>\n<div class=\"pt-cv-content\">\u00a0 \u00a0 Sentencia T-1278\/00 \u00a0 ACCION DE TUTELA-Procedencia excepcional pago de acreencias laborales \u00a0 CESANTIAS PARCIALES-Reconocimiento y liquidaci\u00f3n no sujeto a disponibilidad presupuestal \u00a0 CESANTIAS PARCIALES-Apropiaci\u00f3n para el pago no debe implicar alteraci\u00f3n turno de entrega \u00a0 ACCION DE TUTELA-Hecho superado \u00a0 Referencia: expediente T-322857 \u00a0 Acci\u00f3n de Tutela instaurada por Gloria Esperanza Merchan Pacheco Contra Ministerio De Hacienda Y Direccion Seccional De Administracion Judicial. \u00a0 Magistrado Ponente: \u00a0 Dr. FABIO MORON DIAZ\u00a0 \u00a0 Bogot\u00e1, D.C., septiembre veintid\u00f3s (22) del a\u00f1o dos mil (2000) \u00a0\u00a0 \u00a0 La Sala S\u00e9ptima de Revisi\u00f3n de Tutelas de la Corte Constitucional, integrada por los ...<br \/><div class=\"pt-cv-rmwrap\"><a href=\"https:\/\/www.dmsjuridica.com\/buscador_20179478954\/corteconstitucionalcronologico202454587\/t-1278-00\/\" class=\"_self pt-cv-readmore btn btn-success\" target=\"_self\">Ver Sentencia Completa...<\/a><\/div><\/div><\/div><\/div>\n<div class=\"col-md-12 col-sm-12 col-xs-12 pt-cv-content-item pt-cv-1-col\" ><div class='pt-cv-ifield'><a href=\"https:\/\/www.dmsjuridica.com\/buscador_20179478954\/corteconstitucionalcronologico202454587\/t-1277-00\/\" class=\"_self pt-cv-href-thumbnail pt-cv-thumb-default\" target=\"_self\" ><\/a>\n<div class=\"pt-cv-taxoterm above_title\"><a href='https:\/\/www.dmsjuridica.com\/buscador_20179478954\/corteconstitucionalcronologico202454587\/category\/buscar-en-toda-la-corte\/2000\/tutelas-2000\/' title='Tutelas 2000' class='pt-cv-tax-tutelas-2000'>Tutelas 2000<\/a><\/div>\n<h4 class=\"pt-cv-title\"><a href=\"https:\/\/www.dmsjuridica.com\/buscador_20179478954\/corteconstitucionalcronologico202454587\/t-1277-00\/\" class=\"_self\" target=\"_self\" >T-1277-00<\/a><\/h4>\n<div class=\"pt-cv-content\">\u00a0 \u00a0 Sentencia T-1277\/00 \u00a0 Referencia: expediente T- 322092\u00a0 \u00a0 Acci\u00f3n de tutela instaurada por Gustavo Gonz\u00e1lez Escobar contra Departamento de Bol\u00edvar.\u00a0 \u00a0 Magistrado Ponente: \u00a0 Dr. FABIO MORON DIAZ \u00a0 Bogot\u00e1 D.C., septiembre \u00a0veintid\u00f3s (22) de dos mil (2000) \u00a0 La Sala S\u00e9ptima de Revisi\u00f3n de la Corte Constitucional, en ejercicio de sus competencias constitucionales y legales, espec\u00edficamente las previstas en los art\u00edculos 86 y 241, numeral 9, de la Constituci\u00f3n Pol\u00edtica y en el Decreto 2591 de 1.991, ha proferido la siguiente, \u00a0 SENTENCIA \u00a0 dentro del proceso de revisi\u00f3n de los fallos proferidos por el Juzgado Cuarto ...<br \/><div class=\"pt-cv-rmwrap\"><a href=\"https:\/\/www.dmsjuridica.com\/buscador_20179478954\/corteconstitucionalcronologico202454587\/t-1277-00\/\" class=\"_self pt-cv-readmore btn btn-success\" target=\"_self\">Ver Sentencia Completa...<\/a><\/div><\/div><\/div><\/div>\n<div class=\"col-md-12 col-sm-12 col-xs-12 pt-cv-content-item pt-cv-1-col\" ><div class='pt-cv-ifield'><a href=\"https:\/\/www.dmsjuridica.com\/buscador_20179478954\/corteconstitucionalcronologico202454587\/t-1276-00\/\" class=\"_self pt-cv-href-thumbnail pt-cv-thumb-default\" target=\"_self\" ><\/a>\n<div class=\"pt-cv-taxoterm above_title\"><a href='https:\/\/www.dmsjuridica.com\/buscador_20179478954\/corteconstitucionalcronologico202454587\/category\/buscar-en-toda-la-corte\/2000\/tutelas-2000\/' title='Tutelas 2000' class='pt-cv-tax-tutelas-2000'>Tutelas 2000<\/a><\/div>\n<h4 class=\"pt-cv-title\"><a href=\"https:\/\/www.dmsjuridica.com\/buscador_20179478954\/corteconstitucionalcronologico202454587\/t-1276-00\/\" class=\"_self\" target=\"_self\" >T-1276-00<\/a><\/h4>\n<div class=\"pt-cv-content\">\u00a0 \u00a0 Sentencia T-1276\/00 \u00a0 ACCION DE TUTELA-Carencia actual de objeto por fallecimiento del enfermo \u00a0 Acci\u00f3n de tutela contra el Instituto de Seguros Sociales por una presunta violaci\u00f3n de los derechos a la vida, a no ser sometido a tratos crueles, inhumanos o degradantes, y a la igualdad. \u00a0 Tema: \u00a0 Carencia actual de objeto. \u00a0 Actores: Bertha Mu\u00f1oz de Betancourt, Luis Eduardo Betancourt, Marisol del Carmen Betancourt y Grace Amanda Betancourt, como agentes oficiosos de su esposo y padre, Carlos Guillermo Betancourt Montenegro. \u00a0 Magistrado Ponente:\u00a0 \u00a0 Dr. CARLOS GAVIRIA D\u00cdAZ \u00a0 Bogot\u00e1 D.C., veintiuno (21) de septiembre ...<br \/><div class=\"pt-cv-rmwrap\"><a href=\"https:\/\/www.dmsjuridica.com\/buscador_20179478954\/corteconstitucionalcronologico202454587\/t-1276-00\/\" class=\"_self pt-cv-readmore btn btn-success\" target=\"_self\">Ver Sentencia Completa...<\/a><\/div><\/div><\/div><\/div>\n<div class=\"col-md-12 col-sm-12 col-xs-12 pt-cv-content-item pt-cv-1-col\" ><div class='pt-cv-ifield'><a href=\"https:\/\/www.dmsjuridica.com\/buscador_20179478954\/corteconstitucionalcronologico202454587\/t-1275-00\/\" class=\"_self pt-cv-href-thumbnail pt-cv-thumb-default\" target=\"_self\" ><\/a>\n<div class=\"pt-cv-taxoterm above_title\"><a href='https:\/\/www.dmsjuridica.com\/buscador_20179478954\/corteconstitucionalcronologico202454587\/category\/buscar-en-toda-la-corte\/2000\/tutelas-2000\/' title='Tutelas 2000' class='pt-cv-tax-tutelas-2000'>Tutelas 2000<\/a><\/div>\n<h4 class=\"pt-cv-title\"><a href=\"https:\/\/www.dmsjuridica.com\/buscador_20179478954\/corteconstitucionalcronologico202454587\/t-1275-00\/\" class=\"_self\" target=\"_self\" >T-1275-00<\/a><\/h4>\n<div class=\"pt-cv-content\">\u00a0 \u00a0 Sentencia T-1275\/00 \u00a0 DERECHO DE PETICION-Respuesta oportuna y de fondo \u00a0 ACCION DE TUTELA-Ausencia conexidad de derechos \u00a0 Resulta contrario a la doctrina planteada por la Corte Constitucional sobre derechos conexos, sostener que, en este caso, el derecho a la salud de Barros Su\u00e1rez sea tutelable por su relaci\u00f3n con el derecho a la vida, a la integridad f\u00edsica o al respeto por la dignidad de la persona. Si bien resulta plausible la idea de un sistema carcelario que est\u00e9 en capacidad de atender de manera inmediata hasta la m\u00e1s m\u00ednima molestia para la salud de personas que ...<br \/><div class=\"pt-cv-rmwrap\"><a href=\"https:\/\/www.dmsjuridica.com\/buscador_20179478954\/corteconstitucionalcronologico202454587\/t-1275-00\/\" class=\"_self pt-cv-readmore btn btn-success\" target=\"_self\">Ver Sentencia Completa...<\/a><\/div><\/div><\/div><\/div>\n<div class=\"col-md-12 col-sm-12 col-xs-12 pt-cv-content-item pt-cv-1-col\" ><div class='pt-cv-ifield'><a href=\"https:\/\/www.dmsjuridica.com\/buscador_20179478954\/corteconstitucionalcronologico202454587\/t-1274-00\/\" class=\"_self pt-cv-href-thumbnail pt-cv-thumb-default\" target=\"_self\" ><\/a>\n<div class=\"pt-cv-taxoterm above_title\"><a href='https:\/\/www.dmsjuridica.com\/buscador_20179478954\/corteconstitucionalcronologico202454587\/category\/buscar-en-toda-la-corte\/2000\/tutelas-2000\/' title='Tutelas 2000' class='pt-cv-tax-tutelas-2000'>Tutelas 2000<\/a><\/div>\n<h4 class=\"pt-cv-title\"><a href=\"https:\/\/www.dmsjuridica.com\/buscador_20179478954\/corteconstitucionalcronologico202454587\/t-1274-00\/\" class=\"_self\" target=\"_self\" >T-1274-00<\/a><\/h4>\n<div class=\"pt-cv-content\">\u00a0 \u00a0 Sentencia T-1274\/00 \u00a0 ACCION DE TUTELA-Procedencia excepcional pago de salarios\/DERECHO AL MINIMO VITAL DEL TRABAJADOR-Pago oportuno de salarios \u00a0 DERECHO A LA SEGURIDAD SOCIAL-Mora en aportes \u00a0 DERECHO A LA SEGURIDAD SOCIAL-Conflictos entre entidades por pago de aportes \u00a0 Referencia: expediente T-331.924 \u00a0 Acci\u00f3n de tutela contra el Alcalde Distrital de Barranquilla, la Secretar\u00eda de Hacienda de ese distrito, y el Presidente de la Mesa Directiva del Consejo Distrital de Barranquilla por una presunta violaci\u00f3n de los derechos al trabajo, a la salud, a la seguridad social, y al sustento m\u00ednimo vital. \u00a0 Tema: Salarios, omisi\u00f3n del pago ...<br \/><div class=\"pt-cv-rmwrap\"><a href=\"https:\/\/www.dmsjuridica.com\/buscador_20179478954\/corteconstitucionalcronologico202454587\/t-1274-00\/\" class=\"_self pt-cv-readmore btn btn-success\" target=\"_self\">Ver Sentencia Completa...<\/a><\/div><\/div><\/div><\/div>\n<div class=\"col-md-12 col-sm-12 col-xs-12 pt-cv-content-item pt-cv-1-col\" ><div class='pt-cv-ifield'><a href=\"https:\/\/www.dmsjuridica.com\/buscador_20179478954\/corteconstitucionalcronologico202454587\/t-1273-00\/\" class=\"_self pt-cv-href-thumbnail pt-cv-thumb-default\" target=\"_self\" ><\/a>\n<div class=\"pt-cv-taxoterm above_title\"><a href='https:\/\/www.dmsjuridica.com\/buscador_20179478954\/corteconstitucionalcronologico202454587\/category\/buscar-en-toda-la-corte\/2000\/tutelas-2000\/' title='Tutelas 2000' class='pt-cv-tax-tutelas-2000'>Tutelas 2000<\/a><\/div>\n<h4 class=\"pt-cv-title\"><a href=\"https:\/\/www.dmsjuridica.com\/buscador_20179478954\/corteconstitucionalcronologico202454587\/t-1273-00\/\" class=\"_self\" target=\"_self\" >T-1273-00<\/a><\/h4>\n<div class=\"pt-cv-content\">\u00a0 \u00a0 Sentencia T-1273\/00 \u00a0 JUEZ CONSTITUCIONAL-Improcedencia para sustituir a las autoridades en las competencias asignadas por la Constituci\u00f3n Pol\u00edtica \u00a0 GOBIERNO NACIONAL-Formulaci\u00f3n anual del presupuesto y ley de apropiaciones\/JUEZ DE TUTELA-Imposibilidad de modificar presupuesto para incremento salarial de servidores p\u00fablicos \u00a0 ACCION DE TUTELA COMO MECANISMO TRANSITORIO-Improcedencia incremento salarial para servidores p\u00fablicos \u00a0 Referencia: expedientes acumulados T-313138, 313229, 313292, 313295, 313296, 313297, 313301, 313325, 313326, 313327, 313331, 313340, 313362, 313363, 313380, 313381, 313449, 313450, 313498, 313499, 313530, 313531, 313532, 313533, 313534, 313537, 313620, 313629, 313632, 313636, 313723, 313756, 313791, 313792, 313806, 313807, 313822, 313826, 313862, 313863, 314087, 314147, 314191, ...<br \/><div class=\"pt-cv-rmwrap\"><a href=\"https:\/\/www.dmsjuridica.com\/buscador_20179478954\/corteconstitucionalcronologico202454587\/t-1273-00\/\" class=\"_self pt-cv-readmore btn btn-success\" target=\"_self\">Ver Sentencia Completa...<\/a><\/div><\/div><\/div><\/div>\n<div class=\"col-md-12 col-sm-12 col-xs-12 pt-cv-content-item pt-cv-1-col\" ><div class='pt-cv-ifield'><a href=\"https:\/\/www.dmsjuridica.com\/buscador_20179478954\/corteconstitucionalcronologico202454587\/t-1272-00\/\" class=\"_self pt-cv-href-thumbnail pt-cv-thumb-default\" target=\"_self\" ><\/a>\n<div class=\"pt-cv-taxoterm above_title\"><a href='https:\/\/www.dmsjuridica.com\/buscador_20179478954\/corteconstitucionalcronologico202454587\/category\/buscar-en-toda-la-corte\/2000\/tutelas-2000\/' title='Tutelas 2000' class='pt-cv-tax-tutelas-2000'>Tutelas 2000<\/a><\/div>\n<h4 class=\"pt-cv-title\"><a href=\"https:\/\/www.dmsjuridica.com\/buscador_20179478954\/corteconstitucionalcronologico202454587\/t-1272-00\/\" class=\"_self\" target=\"_self\" >T-1272-00<\/a><\/h4>\n<div class=\"pt-cv-content\">\u00a0 \u00a0 Sentencia T-1272\/00 \u00a0 ACCION DE TUTELA-Carencia actual de objeto \u00a0 Referencia: expediente T-266140 \u00a0 Acci\u00f3n de tutela incoada por Indalecio G\u00f3mez Otavo contra la Universidad Aut\u00f3noma de Colombia. \u00a0 Magistrado Ponente: \u00a0 Dr. JOS\u00c9 GREGORIO HERN\u00c1NDEZ GALINDO\u00a0 \u00a0 Bogot\u00e1, D.C., veintiuno (21) de septiembre de dos mil (2000). \u00a0 La Sala Quinta de Revisi\u00f3n de la Corte Constitucional, en ejercicio de sus competencias constitucionales y legales, espec\u00edficamente las previstas en los art\u00edculos 86 y \u00a0241, numeral 9, de la Constituci\u00f3n Pol\u00edtica y en el Decreto 2591 de 1991, ha proferido la siguiente \u00a0 SENTENCIA \u00a0 dentro del proceso ...<br \/><div class=\"pt-cv-rmwrap\"><a href=\"https:\/\/www.dmsjuridica.com\/buscador_20179478954\/corteconstitucionalcronologico202454587\/t-1272-00\/\" class=\"_self pt-cv-readmore btn btn-success\" target=\"_self\">Ver Sentencia Completa...<\/a><\/div><\/div><\/div><\/div>\n<div class=\"col-md-12 col-sm-12 col-xs-12 pt-cv-content-item pt-cv-1-col\" ><div class='pt-cv-ifield'><a href=\"https:\/\/www.dmsjuridica.com\/buscador_20179478954\/corteconstitucionalcronologico202454587\/t-127-00\/\" class=\"_self pt-cv-href-thumbnail pt-cv-thumb-default\" target=\"_self\" ><\/a>\n<div class=\"pt-cv-taxoterm above_title\"><a href='https:\/\/www.dmsjuridica.com\/buscador_20179478954\/corteconstitucionalcronologico202454587\/category\/buscar-en-toda-la-corte\/2000\/tutelas-2000\/' title='Tutelas 2000' class='pt-cv-tax-tutelas-2000'>Tutelas 2000<\/a><\/div>\n<h4 class=\"pt-cv-title\"><a href=\"https:\/\/www.dmsjuridica.com\/buscador_20179478954\/corteconstitucionalcronologico202454587\/t-127-00\/\" class=\"_self\" target=\"_self\" >T-127-00<\/a><\/h4>\n<div class=\"pt-cv-content\">\u00a0 \u00a0 Sentencia T-127\/00 \u00a0 DERECHO AL MINIMO VITAL DEL PENSIONADO-Pago oportuno de mesadas \u00a0 ESTABLECIMIENTO HOSPITALARIO-Situaci\u00f3n econ\u00f3mica o presupuestal no es \u00f3bice para desconocer obligaciones laborales \u00a0 Referencia: expediente T-251482 \u00a0 Acci\u00f3n de Tutela instaurada por Celina Cantero L\u00f3pez contra el Hospital San Juan de Dios de Cali. \u00a0 Magistrado Ponente: \u00a0 Dr. JOS\u00c9 GREGORIO HERN\u00c1NDEZ GALINDO \u00a0 Santaf\u00e9 de Bogot\u00e1 D.C., diecisiete (17) de febrero de dos mil (2000). \u00a0 La Sala Quinta de Revisi\u00f3n de la Corte Constitucional, en ejercicio de sus competencias constitucionales y legales, espec\u00edficamente las previstas en los art\u00edculos 86 y 241, numeral 9, ...<br \/><div class=\"pt-cv-rmwrap\"><a href=\"https:\/\/www.dmsjuridica.com\/buscador_20179478954\/corteconstitucionalcronologico202454587\/t-127-00\/\" class=\"_self pt-cv-readmore btn btn-success\" target=\"_self\">Ver Sentencia Completa...<\/a><\/div><\/div><\/div><\/div>\n<div class=\"col-md-12 col-sm-12 col-xs-12 pt-cv-content-item pt-cv-1-col\" ><div class='pt-cv-ifield'><a href=\"https:\/\/www.dmsjuridica.com\/buscador_20179478954\/corteconstitucionalcronologico202454587\/t-1263-00\/\" class=\"_self pt-cv-href-thumbnail pt-cv-thumb-default\" target=\"_self\" ><\/a>\n<div class=\"pt-cv-taxoterm above_title\"><a href='https:\/\/www.dmsjuridica.com\/buscador_20179478954\/corteconstitucionalcronologico202454587\/category\/buscar-en-toda-la-corte\/2000\/tutelas-2000\/' title='Tutelas 2000' class='pt-cv-tax-tutelas-2000'>Tutelas 2000<\/a><\/div>\n<h4 class=\"pt-cv-title\"><a href=\"https:\/\/www.dmsjuridica.com\/buscador_20179478954\/corteconstitucionalcronologico202454587\/t-1263-00\/\" class=\"_self\" target=\"_self\" >T-1263-00<\/a><\/h4>\n<div class=\"pt-cv-content\">\u00a0 \u00a0 Sentencia T-1263\/00 \u00a0 DERECHO AL TRABAJO-Ejercicio del comercio informal\/DERECHO A LA DIGNIDAD HUMANA-Vendedor ambulante desalojado\/PRINCIPIO DE LA CONFIANZA LEGITIMA-Vulneraci\u00f3n por desalojo de vendedor ambulante \u00a0 Referencia: expediente T-346052 \u00a0 Peticionario: \u00a0 \u00a0 \u00a0 \u00a0 \u00a0 \u00a0 \u00a0 \u00a0 \u00a0 \u00a0 \u00a0 \u00a0 \u00a0 \u00a0 \u00a0 \u00a0 \u00a0 \u00a0 \u00a0 \u00a0 \u00a0 \u00a0 \u00a0 \u00a0 \u00a0 \u00a0 \u00a0 \u00a0 \u00a0 Benjam\u00edn Jos\u00e9 Guti\u00e9rrez Rodr\u00edguez \u00a0 Magistrado Ponente:\u00a0 \u00a0 Dr. ALFREDO BELTR\u00c1N SIERRA. \u00a0 Bogot\u00e1, D.C., septiembre veintiuno (21) de dos mil (2000). \u00a0 La Sala Segunda de Revisi\u00f3n de la Corte Constitucional, integrada por los magistrados, Alfredo Beltr\u00e1n Sierra, ...<br \/><div class=\"pt-cv-rmwrap\"><a href=\"https:\/\/www.dmsjuridica.com\/buscador_20179478954\/corteconstitucionalcronologico202454587\/t-1263-00\/\" class=\"_self pt-cv-readmore btn btn-success\" target=\"_self\">Ver Sentencia Completa...<\/a><\/div><\/div><\/div><\/div>\n<div class=\"col-md-12 col-sm-12 col-xs-12 pt-cv-content-item pt-cv-1-col\" ><div class='pt-cv-ifield'><a href=\"https:\/\/www.dmsjuridica.com\/buscador_20179478954\/corteconstitucionalcronologico202454587\/t-126-00\/\" class=\"_self pt-cv-href-thumbnail pt-cv-thumb-default\" target=\"_self\" ><\/a>\n<div class=\"pt-cv-taxoterm above_title\"><a href='https:\/\/www.dmsjuridica.com\/buscador_20179478954\/corteconstitucionalcronologico202454587\/category\/buscar-en-toda-la-corte\/2000\/tutelas-2000\/' title='Tutelas 2000' class='pt-cv-tax-tutelas-2000'>Tutelas 2000<\/a><\/div>\n<h4 class=\"pt-cv-title\"><a href=\"https:\/\/www.dmsjuridica.com\/buscador_20179478954\/corteconstitucionalcronologico202454587\/t-126-00\/\" class=\"_self\" target=\"_self\" >T-126-00<\/a><\/h4>\n<div class=\"pt-cv-content\">\u00a0 \u00a0 Sentencia T-126\/00 \u00a0 ACCION DE TUTELA-Procedencia excepcional pago de acreencias laborales\/DERECHO AL MINIMO VITAL DEL PENSIONADO-Pago oportuno de mesadas \u00a0 La Corte ha sido consistente en su jurisprudencia, precisando que la acci\u00f3n de tutela no es el medio id\u00f3neo para el reconocimiento y pago de acreencias derivadas de una relaci\u00f3n laboral. Sin embargo, tambi\u00e9n ha se\u00f1alado que cuando se trata de un cese prolongado e indefinido del pago pensional se presume la vulneraci\u00f3n del m\u00ednimo vital del pensionado y de su familia, la afectaci\u00f3n en consecuencia de sus condiciones m\u00ednimas de vida, y la procedencia de la tutela ...<br \/><div class=\"pt-cv-rmwrap\"><a href=\"https:\/\/www.dmsjuridica.com\/buscador_20179478954\/corteconstitucionalcronologico202454587\/t-126-00\/\" class=\"_self pt-cv-readmore btn btn-success\" target=\"_self\">Ver Sentencia Completa...<\/a><\/div><\/div><\/div><\/div>\n<div class=\"col-md-12 col-sm-12 col-xs-12 pt-cv-content-item pt-cv-1-col\" ><div class='pt-cv-ifield'><a href=\"https:\/\/www.dmsjuridica.com\/buscador_20179478954\/corteconstitucionalcronologico202454587\/t-1257-00\/\" class=\"_self pt-cv-href-thumbnail pt-cv-thumb-default\" target=\"_self\" ><\/a>\n<div class=\"pt-cv-taxoterm above_title\"><a href='https:\/\/www.dmsjuridica.com\/buscador_20179478954\/corteconstitucionalcronologico202454587\/category\/buscar-en-toda-la-corte\/2000\/tutelas-2000\/' title='Tutelas 2000' class='pt-cv-tax-tutelas-2000'>Tutelas 2000<\/a><\/div>\n<h4 class=\"pt-cv-title\"><a href=\"https:\/\/www.dmsjuridica.com\/buscador_20179478954\/corteconstitucionalcronologico202454587\/t-1257-00\/\" class=\"_self\" target=\"_self\" >T-1257-00<\/a><\/h4>\n<div class=\"pt-cv-content\">\u00a0 \u00a0 Sentencia T-1257\/00 \u00a0 ACCION DE TUTELA-Naturaleza \u00a0 JUEZ CONSTITUCIONAL-Improcedencia para sustituir a las autoridades en las competencias asignadas por la Constituci\u00f3n Pol\u00edtica \u00a0 GOBIERNO NACIONAL-Formulaci\u00f3n anual del presupuesto y ley de apropiaciones\/JUEZ DE TUTELA-Imposibilidad de modificar presupuesto para incremento salarial de servidores p\u00fablicos \u00a0 ACCION DE TUTELA COMO MECANISMO TRANSITORIO-Improcedencia incremento salarial para servidores p\u00fablicos \u00a0 Referencia: expedientes \u00a0 T-320610 \u00a0 \u00a0 \u00a0 \u00a0 \u00a0 \u00a0 \u00a0 \u00a0 \u00a0 \u00a0\u00a0 T-320767 \u00a0 \u00a0 \u00a0 \u00a0 \u00a0 \u00a0 \u00a0 \u00a0 \u00a0 \u00a0\u00a0 T-320800 \u00a0 \u00a0 \u00a0 \u00a0 \u00a0 \u00a0 \u00a0 \u00a0 \u00a0 \u00a0\u00a0 T-321028 \u00a0 \u00a0 \u00a0 \u00a0 \u00a0 ...<br \/><div class=\"pt-cv-rmwrap\"><a href=\"https:\/\/www.dmsjuridica.com\/buscador_20179478954\/corteconstitucionalcronologico202454587\/t-1257-00\/\" class=\"_self pt-cv-readmore btn btn-success\" target=\"_self\">Ver Sentencia Completa...<\/a><\/div><\/div><\/div><\/div>\n<div class=\"col-md-12 col-sm-12 col-xs-12 pt-cv-content-item pt-cv-1-col\" ><div class='pt-cv-ifield'><a href=\"https:\/\/www.dmsjuridica.com\/buscador_20179478954\/corteconstitucionalcronologico202454587\/t-1256-00\/\" class=\"_self pt-cv-href-thumbnail pt-cv-thumb-default\" target=\"_self\" ><\/a>\n<div class=\"pt-cv-taxoterm above_title\"><a href='https:\/\/www.dmsjuridica.com\/buscador_20179478954\/corteconstitucionalcronologico202454587\/category\/buscar-en-toda-la-corte\/2000\/tutelas-2000\/' title='Tutelas 2000' class='pt-cv-tax-tutelas-2000'>Tutelas 2000<\/a><\/div>\n<h4 class=\"pt-cv-title\"><a href=\"https:\/\/www.dmsjuridica.com\/buscador_20179478954\/corteconstitucionalcronologico202454587\/t-1256-00\/\" class=\"_self\" target=\"_self\" >T-1256-00<\/a><\/h4>\n<div class=\"pt-cv-content\">\u00a0 \u00a0 Sentencia T-1256\/00 \u00a0 ACCION DE TUTELA-Improcedencia general pago de acreencias laborales\/MEDIO DE DEFENSA JUDICIAL-Pago de acreencias laborales \u00a0 Reiteraci\u00f3n de Jurisprudencia \u00a0 Referencia: expediente T-317928 \u00a0 Acci\u00f3n de tutela instaurada por Hilba Yanneth Porras Leal contra Libardo Quevedo Rojas.\u00a0 \u00a0 Magistrado Ponente: \u00a0 Dr. ALEJANDRO MARTINEZ CABALLERO \u00a0 Bogot\u00e1, D.C. a los siete (7) d\u00edas del mes de septiembre de dos mil (2000). \u00a0 La Sala Sexta de Revisi\u00f3n de la Corte Constitucional, en ejercicio de sus competencias constitucionales y legales, en particular las contenidas en los art\u00edculos 86 y 241, numeral 9, de la Constituci\u00f3n y en ...<br \/><div class=\"pt-cv-rmwrap\"><a href=\"https:\/\/www.dmsjuridica.com\/buscador_20179478954\/corteconstitucionalcronologico202454587\/t-1256-00\/\" class=\"_self pt-cv-readmore btn btn-success\" target=\"_self\">Ver Sentencia Completa...<\/a><\/div><\/div><\/div><\/div>\n<div class=\"col-md-12 col-sm-12 col-xs-12 pt-cv-content-item pt-cv-1-col\" ><div class='pt-cv-ifield'><a href=\"https:\/\/www.dmsjuridica.com\/buscador_20179478954\/corteconstitucionalcronologico202454587\/t-1255-00\/\" class=\"_self pt-cv-href-thumbnail pt-cv-thumb-default\" target=\"_self\" ><\/a>\n<div class=\"pt-cv-taxoterm above_title\"><a href='https:\/\/www.dmsjuridica.com\/buscador_20179478954\/corteconstitucionalcronologico202454587\/category\/buscar-en-toda-la-corte\/2000\/tutelas-2000\/' title='Tutelas 2000' class='pt-cv-tax-tutelas-2000'>Tutelas 2000<\/a><\/div>\n<h4 class=\"pt-cv-title\"><a href=\"https:\/\/www.dmsjuridica.com\/buscador_20179478954\/corteconstitucionalcronologico202454587\/t-1255-00\/\" class=\"_self\" target=\"_self\" >T-1255-00<\/a><\/h4>\n<div class=\"pt-cv-content\">\u00a0 \u00a0 Sentencia T-1255\/00 \u00a0 DERECHO A LA SALUD-Fundamental por conexidad con la vida \u00a0 ACCION DE TUTELA DE UN DERECHO PRESTACIONAL-Requisitos concurrentes \u00a0 ENTIDAD PROMOTORA DE SALUD-Gestiones necesarias con entidad que debe realizar cirug\u00eda de c\u00f3rnea \u00a0 Reiteraci\u00f3n de Jurisprudencia \u00a0 Referencia: expediente T-317629 \u00a0 Acci\u00f3n de tutela instaurada por Jes\u00fas Antonio Ca\u00f1ola \u00a0Rueda contra COOMEVA E.P.S. \u00a0 Magistrado Ponente: \u00a0 Dr. ALEJANDRO MART\u00cdNEZ CABALLERO \u00a0 Bogot\u00e1, D.C., a los siete \u00a0 \u00a0 \u00a0 \u00a0(7) d\u00edas del mes de septiembre de dos mil (2000). \u00a0 La Sala Sexta de revisi\u00f3n de la Corte Constitucional, en ejercicio de sus competencias ...<br \/><div class=\"pt-cv-rmwrap\"><a href=\"https:\/\/www.dmsjuridica.com\/buscador_20179478954\/corteconstitucionalcronologico202454587\/t-1255-00\/\" class=\"_self pt-cv-readmore btn btn-success\" target=\"_self\">Ver Sentencia Completa...<\/a><\/div><\/div><\/div><\/div>\n<div class=\"col-md-12 col-sm-12 col-xs-12 pt-cv-content-item pt-cv-1-col\" ><div class='pt-cv-ifield'><a href=\"https:\/\/www.dmsjuridica.com\/buscador_20179478954\/corteconstitucionalcronologico202454587\/t-1254-00\/\" class=\"_self pt-cv-href-thumbnail pt-cv-thumb-default\" target=\"_self\" ><\/a>\n<div class=\"pt-cv-taxoterm above_title\"><a href='https:\/\/www.dmsjuridica.com\/buscador_20179478954\/corteconstitucionalcronologico202454587\/category\/buscar-en-toda-la-corte\/2000\/tutelas-2000\/' title='Tutelas 2000' class='pt-cv-tax-tutelas-2000'>Tutelas 2000<\/a><\/div>\n<h4 class=\"pt-cv-title\"><a href=\"https:\/\/www.dmsjuridica.com\/buscador_20179478954\/corteconstitucionalcronologico202454587\/t-1254-00\/\" class=\"_self\" target=\"_self\" >T-1254-00<\/a><\/h4>\n<div class=\"pt-cv-content\">\u00a0 \u00a0 Sentencia T-1254\/00 \u00a0 ACCION DE TUTELA-Titularidad \u00a0 AGENCIA OFICIOSA EN TUTELA-Naturaleza \u00a0 AGENCIA OFICIOSA EN TUTELA-Necesidad de ratificaci\u00f3n \u00a0 Referencia: expediente T- 317774 \u00a0 Acci\u00f3n de tutela instaurada por Eva Janeth Mateus Estrella contra Cl\u00ednica San Rafael de Bogot\u00e1. \u00a0 Magistrado Ponente: \u00a0 Dr. ALEJANDRO MART\u00cdNEZ CABALLERO \u00a0 Bogot\u00e1, D.C., a los siete (7) d\u00edas del mes de septiembre de dos mil (2000). \u00a0 La Sala Sexta de Revisi\u00f3n de la Corte Constitucional, en ejercicio de sus competencias constitucionales y legales, en particular las previstas contenidas en los art\u00edculos 86 y 241, numeral 9, de la Constituci\u00f3n y ...<br \/><div class=\"pt-cv-rmwrap\"><a href=\"https:\/\/www.dmsjuridica.com\/buscador_20179478954\/corteconstitucionalcronologico202454587\/t-1254-00\/\" class=\"_self pt-cv-readmore btn btn-success\" target=\"_self\">Ver Sentencia Completa...<\/a><\/div><\/div><\/div><\/div>\n<div class=\"col-md-12 col-sm-12 col-xs-12 pt-cv-content-item pt-cv-1-col\" ><div class='pt-cv-ifield'><a href=\"https:\/\/www.dmsjuridica.com\/buscador_20179478954\/corteconstitucionalcronologico202454587\/t-1253-00\/\" class=\"_self pt-cv-href-thumbnail pt-cv-thumb-default\" target=\"_self\" ><\/a>\n<div class=\"pt-cv-taxoterm above_title\"><a href='https:\/\/www.dmsjuridica.com\/buscador_20179478954\/corteconstitucionalcronologico202454587\/category\/buscar-en-toda-la-corte\/2000\/tutelas-2000\/' title='Tutelas 2000' class='pt-cv-tax-tutelas-2000'>Tutelas 2000<\/a><\/div>\n<h4 class=\"pt-cv-title\"><a href=\"https:\/\/www.dmsjuridica.com\/buscador_20179478954\/corteconstitucionalcronologico202454587\/t-1253-00\/\" class=\"_self\" target=\"_self\" >T-1253-00<\/a><\/h4>\n<div class=\"pt-cv-content\">\u00a0 \u00a0 Sentencia T-1253\/00 \u00a0 SISBEN-Objeto\/SISBEN-Acceso igualitario a los bienes y recursos p\u00fablicos \u00a0 DERECHO A LA SALUD-Conexidad con la vida \u00a0 ACCION DE TUTELA-Protecci\u00f3n preventiva y no solo en casos de gravedad \u00a0 DERECHO A LA INTEGRIDAD PERSONAL-Dolor \u00a0 Reiteraci\u00f3n de Jurisprudencia \u00a0 Referencia: expediente T-317736 \u00a0 Acci\u00f3n de tutela instaurada por Fernando Fonseca Torres contra la Secretar\u00eda de Salud de la Alcald\u00eda Mayor de Bogot\u00e1. \u00a0 Magistrado Ponente: \u00a0 Dr. ALEJANDRO MART\u00cdNEZ CABALLERO \u00a0 Bogot\u00e1, D.C., a los siete d\u00edas del mes de septiembre de dos mil (2000). \u00a0 La Sala Sexta de revisi\u00f3n de la Corte Constitucional, ...<br \/><div class=\"pt-cv-rmwrap\"><a href=\"https:\/\/www.dmsjuridica.com\/buscador_20179478954\/corteconstitucionalcronologico202454587\/t-1253-00\/\" class=\"_self pt-cv-readmore btn btn-success\" target=\"_self\">Ver Sentencia Completa...<\/a><\/div><\/div><\/div><\/div>\n<div class=\"col-md-12 col-sm-12 col-xs-12 pt-cv-content-item pt-cv-1-col\" ><div class='pt-cv-ifield'><a href=\"https:\/\/www.dmsjuridica.com\/buscador_20179478954\/corteconstitucionalcronologico202454587\/t-1252-00\/\" class=\"_self pt-cv-href-thumbnail pt-cv-thumb-default\" target=\"_self\" ><\/a>\n<div class=\"pt-cv-taxoterm above_title\"><a href='https:\/\/www.dmsjuridica.com\/buscador_20179478954\/corteconstitucionalcronologico202454587\/category\/buscar-en-toda-la-corte\/2000\/tutelas-2000\/' title='Tutelas 2000' class='pt-cv-tax-tutelas-2000'>Tutelas 2000<\/a><\/div>\n<h4 class=\"pt-cv-title\"><a href=\"https:\/\/www.dmsjuridica.com\/buscador_20179478954\/corteconstitucionalcronologico202454587\/t-1252-00\/\" class=\"_self\" target=\"_self\" >T-1252-00<\/a><\/h4>\n<div class=\"pt-cv-content\">\u00a0 \u00a0 Sentencia T-1252\/00 \u00a0 EMPRESA DE MEDICINA PREPAGADA-Aplicaci\u00f3n de preexistencias y exclusi\u00f3n\/CONTRATO DE MEDICINA PREPAGADA-Exclusi\u00f3n de preexistencias previa, expresa y taxativamente \u00a0 CONTRATO DE MEDICINA PREPAGADA-Preexistencias \u00a0 PRINCIPIO DE LA BUENA FE EN CONTRATO DE MEDICINA PREPAGADA-Alcance \u00a0 Reiteraci\u00f3n de Jurisprudencia \u00a0 Referencia: expediente T-315638 \u00a0 Acci\u00f3n de tutela instaurada por Hern\u00e1n Cardona Pati\u00f1o contra COLSANITAS. \u00a0 Magistrado Ponente: \u00a0 Dr. ALEJANDRO MART\u00cdNEZ CABALLERO \u00a0 Bogot\u00e1, D.C., a los siete (7) d\u00edas del mes de septiembre de dos mil (2000). \u00a0 SENTENCIA \u00a0 dentro del proceso de revisi\u00f3n del fallo adoptado por el Juzgado Treinta y Dos Penal Municipal ...<br \/><div class=\"pt-cv-rmwrap\"><a href=\"https:\/\/www.dmsjuridica.com\/buscador_20179478954\/corteconstitucionalcronologico202454587\/t-1252-00\/\" class=\"_self pt-cv-readmore btn btn-success\" target=\"_self\">Ver Sentencia Completa...<\/a><\/div><\/div><\/div><\/div>\n<div class=\"col-md-12 col-sm-12 col-xs-12 pt-cv-content-item pt-cv-1-col\" ><div class='pt-cv-ifield'><a href=\"https:\/\/www.dmsjuridica.com\/buscador_20179478954\/corteconstitucionalcronologico202454587\/t-1251-00\/\" class=\"_self pt-cv-href-thumbnail pt-cv-thumb-default\" target=\"_self\" ><\/a>\n<div class=\"pt-cv-taxoterm above_title\"><a href='https:\/\/www.dmsjuridica.com\/buscador_20179478954\/corteconstitucionalcronologico202454587\/category\/buscar-en-toda-la-corte\/2000\/tutelas-2000\/' title='Tutelas 2000' class='pt-cv-tax-tutelas-2000'>Tutelas 2000<\/a><\/div>\n<h4 class=\"pt-cv-title\"><a href=\"https:\/\/www.dmsjuridica.com\/buscador_20179478954\/corteconstitucionalcronologico202454587\/t-1251-00\/\" class=\"_self\" target=\"_self\" >T-1251-00<\/a><\/h4>\n<div class=\"pt-cv-content\">\u00a0 \u00a0 Sentencia T-1251\/00 \u00a0 DERECHO A LA SALUD-Necesidad de cirug\u00eda que no tiene principalmente fines est\u00e9ticos \u00a0 DERECHO A LA SALUD-Cirug\u00eda de mamoplastia reductora \u00a0 Reiteraci\u00f3n de Jurisprudencia \u00a0 Referencia: expediente T-319294 \u00a0 Acci\u00f3n de tutela instaurada por Olga Liliana Correa Posada contra SUSALUD E.P.S. \u00a0 Magistrado Ponente: \u00a0 Dr. ALEJANDRO MART\u00cdNEZ CABALLERO \u00a0 Santa Fe de Bogot\u00e1, D.C., a los siete (7) d\u00edas del mes de septiembre de dos mil (2000). \u00a0 La Sala Sexta de Revisi\u00f3n de la Corte Constitucional, en ejercicio de sus competencias constitucionales y legales, en particular las contenidas en los art\u00edculos 86 y ...<br \/><div class=\"pt-cv-rmwrap\"><a href=\"https:\/\/www.dmsjuridica.com\/buscador_20179478954\/corteconstitucionalcronologico202454587\/t-1251-00\/\" class=\"_self pt-cv-readmore btn btn-success\" target=\"_self\">Ver Sentencia Completa...<\/a><\/div><\/div><\/div><\/div>\n<div class=\"col-md-12 col-sm-12 col-xs-12 pt-cv-content-item pt-cv-1-col\" ><div class='pt-cv-ifield'><a href=\"https:\/\/www.dmsjuridica.com\/buscador_20179478954\/corteconstitucionalcronologico202454587\/t-125-00\/\" class=\"_self pt-cv-href-thumbnail pt-cv-thumb-default\" target=\"_self\" ><\/a>\n<div class=\"pt-cv-taxoterm above_title\"><a href='https:\/\/www.dmsjuridica.com\/buscador_20179478954\/corteconstitucionalcronologico202454587\/category\/buscar-en-toda-la-corte\/2000\/tutelas-2000\/' title='Tutelas 2000' class='pt-cv-tax-tutelas-2000'>Tutelas 2000<\/a><\/div>\n<h4 class=\"pt-cv-title\"><a href=\"https:\/\/www.dmsjuridica.com\/buscador_20179478954\/corteconstitucionalcronologico202454587\/t-125-00\/\" class=\"_self\" target=\"_self\" >T-125-00<\/a><\/h4>\n<div class=\"pt-cv-content\">\u00a0 \u00a0 Sentencia T-125\/00 \u00a0 DERECHO A LA REMUNERACION-Alcance \u00a0 Cuando un individuo ha desplegado toda su actividad f\u00edsica y mental, al servicio de otra -p\u00fablica o privada-, existiendo los elementos b\u00e1sicos de un contrato de trabajo o de un v\u00ednculo legal y reglamentario, tiene, por una elemental raz\u00f3n de justicia y por la causa que lo ha llevado a empe\u00f1ar su actividad, el derecho a una remuneraci\u00f3n, que es la contraprestaci\u00f3n por sus servicios y a la vez la fuente digna de ingresos, para su propio sostenimiento y el de su familia. Tal remuneraci\u00f3n debe ser recibida de manera ...<br \/><div class=\"pt-cv-rmwrap\"><a href=\"https:\/\/www.dmsjuridica.com\/buscador_20179478954\/corteconstitucionalcronologico202454587\/t-125-00\/\" class=\"_self pt-cv-readmore btn btn-success\" target=\"_self\">Ver Sentencia Completa...<\/a><\/div><\/div><\/div><\/div>\n<div class=\"col-md-12 col-sm-12 col-xs-12 pt-cv-content-item pt-cv-1-col\" ><div class='pt-cv-ifield'><a href=\"https:\/\/www.dmsjuridica.com\/buscador_20179478954\/corteconstitucionalcronologico202454587\/t-1249-00\/\" class=\"_self pt-cv-href-thumbnail pt-cv-thumb-default\" target=\"_self\" ><\/a>\n<div class=\"pt-cv-taxoterm above_title\"><a href='https:\/\/www.dmsjuridica.com\/buscador_20179478954\/corteconstitucionalcronologico202454587\/category\/buscar-en-toda-la-corte\/2000\/tutelas-2000\/' title='Tutelas 2000' class='pt-cv-tax-tutelas-2000'>Tutelas 2000<\/a><\/div>\n<h4 class=\"pt-cv-title\"><a href=\"https:\/\/www.dmsjuridica.com\/buscador_20179478954\/corteconstitucionalcronologico202454587\/t-1249-00\/\" class=\"_self\" target=\"_self\" >T-1249-00<\/a><\/h4>\n<div class=\"pt-cv-content\">\u00a0 \u00a0 Sentencia T-1249\/00 \u00a0 LICENCIA DE MATERNIDAD-Procedencia excepcional de tutela para el pago \u00a0 PRINCIPIO DE FAVORABILIDAD NORMATIVA EN MATERIA DE LICENCIA DE MATERNIDAD-Pago \u00a0 Reiteraci\u00f3n de Jurisprudencia \u00a0 Referencia: expediente T-316061 \u00a0 Acci\u00f3n de tutela instaurada por Clara Patricia Garavito Gonz\u00e1lez contra Cafesalud E.P.S. \u00a0 Magistrado Ponente: \u00a0 Dr. ALEJANDRO MARTINEZ CABALLERO \u00a0 Bogot\u00e1, D.C. a los siete (7) d\u00edas del mes de septiembre de dos mil (2000). \u00a0 La Sala Sexta de Revisi\u00f3n de la Corte Constitucional, en ejercicio de sus competencias constitucionales y legales, en particular las contenidas en los art\u00edculos 86 y 241, numeral 9, ...<br \/><div class=\"pt-cv-rmwrap\"><a href=\"https:\/\/www.dmsjuridica.com\/buscador_20179478954\/corteconstitucionalcronologico202454587\/t-1249-00\/\" class=\"_self pt-cv-readmore btn btn-success\" target=\"_self\">Ver Sentencia Completa...<\/a><\/div><\/div><\/div><\/div>\n<div class=\"col-md-12 col-sm-12 col-xs-12 pt-cv-content-item pt-cv-1-col\" ><div class='pt-cv-ifield'><a href=\"https:\/\/www.dmsjuridica.com\/buscador_20179478954\/corteconstitucionalcronologico202454587\/t-1248-00\/\" class=\"_self pt-cv-href-thumbnail pt-cv-thumb-default\" target=\"_self\" ><\/a>\n<div class=\"pt-cv-taxoterm above_title\"><a href='https:\/\/www.dmsjuridica.com\/buscador_20179478954\/corteconstitucionalcronologico202454587\/category\/buscar-en-toda-la-corte\/2000\/tutelas-2000\/' title='Tutelas 2000' class='pt-cv-tax-tutelas-2000'>Tutelas 2000<\/a><\/div>\n<h4 class=\"pt-cv-title\"><a href=\"https:\/\/www.dmsjuridica.com\/buscador_20179478954\/corteconstitucionalcronologico202454587\/t-1248-00\/\" class=\"_self\" target=\"_self\" >T-1248-00<\/a><\/h4>\n<div class=\"pt-cv-content\">\u00a0 \u00a0 Sentencia T-1248\/00 \u00a0 DERECHO DE PETICION-Alcance\/DERECHO DE PETICION-N\u00facleo esencial\/DERECHO DE PETICION-T\u00e9rmino para dar contestaci\u00f3n \u00a0 DERECHO DE PETICION-Solicitud pago licencia de maternidad \u00a0 Reiteraci\u00f3n de Jurisprudencia \u00a0 Acci\u00f3n de tutela instaurada por Orleyda Silva Molina contra el Seguro Social, Seccional Valle. \u00a0 Magistrado Ponente: \u00a0 Dr. ALEJANDRO MART\u00cdNEZ CABALLERO \u00a0 Bogot\u00e1, D.C., a los siete (7) d\u00edas del mes de septiembre de dos mil (2000). \u00a0 La Sala Sexta de Revisi\u00f3n de la Corte Constitucional, en ejercicio de sus competencias constitucionales y legales, en particular las contenidas en los art\u00edculos 86 y 241, numeral 9, de la Constituci\u00f3n ...<br \/><div class=\"pt-cv-rmwrap\"><a href=\"https:\/\/www.dmsjuridica.com\/buscador_20179478954\/corteconstitucionalcronologico202454587\/t-1248-00\/\" class=\"_self pt-cv-readmore btn btn-success\" target=\"_self\">Ver Sentencia Completa...<\/a><\/div><\/div><\/div><\/div>\n<div class=\"col-md-12 col-sm-12 col-xs-12 pt-cv-content-item pt-cv-1-col\" ><div class='pt-cv-ifield'><a href=\"https:\/\/www.dmsjuridica.com\/buscador_20179478954\/corteconstitucionalcronologico202454587\/t-1247-00\/\" class=\"_self pt-cv-href-thumbnail pt-cv-thumb-default\" target=\"_self\" ><\/a>\n<div class=\"pt-cv-taxoterm above_title\"><a href='https:\/\/www.dmsjuridica.com\/buscador_20179478954\/corteconstitucionalcronologico202454587\/category\/buscar-en-toda-la-corte\/2000\/tutelas-2000\/' title='Tutelas 2000' class='pt-cv-tax-tutelas-2000'>Tutelas 2000<\/a><\/div>\n<h4 class=\"pt-cv-title\"><a href=\"https:\/\/www.dmsjuridica.com\/buscador_20179478954\/corteconstitucionalcronologico202454587\/t-1247-00\/\" class=\"_self\" target=\"_self\" >T-1247-00<\/a><\/h4>\n<div class=\"pt-cv-content\">\u00a0 \u00a0 Sentencia T-1247\/00 \u00a0 MUJER TRABAJADORA EMBARAZADA-Protecci\u00f3n laboral \u00a0 ACCION DE TUTELA-Improcedencia reintegro al cargo \u00a0 DERECHO A LA ESTABILIDAD LABORAL REFORZADA DE MUJER EMBARAZADA-Elementos f\u00e1cticos que deben demostrarse \u00a0 MUJER TRABAJADORA EMBARAZADA-Prueba de afectaci\u00f3n del m\u00ednimo vital \u00a0 Reiteraci\u00f3n de Jurisprudencia \u00a0 Referencia: expediente T-316000 \u00a0 Acci\u00f3n de tutela instaurada por Liliana Venegas Pati\u00f1o contra Ocupar y Compa\u00f1\u00eda Ltda. \u00a0 Magistrado Ponente: \u00a0 Dr. ALEJANDRO MARTINEZ CABALLERO \u00a0 Bogot\u00e1, D.C. a los siete (7) d\u00edas del mes de septiembre de dos mil (2000). \u00a0 La Sala Sexta de Revisi\u00f3n de la Corte Constitucional, en ejercicio de sus competencias ...<br \/><div class=\"pt-cv-rmwrap\"><a href=\"https:\/\/www.dmsjuridica.com\/buscador_20179478954\/corteconstitucionalcronologico202454587\/t-1247-00\/\" class=\"_self pt-cv-readmore btn btn-success\" target=\"_self\">Ver Sentencia Completa...<\/a><\/div><\/div><\/div><\/div>\n<div class=\"col-md-12 col-sm-12 col-xs-12 pt-cv-content-item pt-cv-1-col\" ><div class='pt-cv-ifield'><a href=\"https:\/\/www.dmsjuridica.com\/buscador_20179478954\/corteconstitucionalcronologico202454587\/t-1246-00\/\" class=\"_self pt-cv-href-thumbnail pt-cv-thumb-default\" target=\"_self\" ><\/a>\n<div class=\"pt-cv-taxoterm above_title\"><a href='https:\/\/www.dmsjuridica.com\/buscador_20179478954\/corteconstitucionalcronologico202454587\/category\/buscar-en-toda-la-corte\/2000\/tutelas-2000\/' title='Tutelas 2000' class='pt-cv-tax-tutelas-2000'>Tutelas 2000<\/a><\/div>\n<h4 class=\"pt-cv-title\"><a href=\"https:\/\/www.dmsjuridica.com\/buscador_20179478954\/corteconstitucionalcronologico202454587\/t-1246-00\/\" class=\"_self\" target=\"_self\" >T-1246-00<\/a><\/h4>\n<div class=\"pt-cv-content\">\u00a0 \u00a0 Sentencia T-1246\/00 \u00a0 ACCION DE TUTELA-Procedencia excepcional pago de acreencias laborales \u00a0 DERECHO AL MINIMO VITAL DEL TRABAJADOR-Pago oportuno de salarios \u00a0 Reiteraci\u00f3n de Jurisprudencia \u00a0 Acci\u00f3n de tutela instaurada por Vicky Constanza Ort\u00edz Castro contra Fundaci\u00f3n San Juan de Dios. \u00a0 Magistrado Ponente: \u00a0 Dr. ALEJANDRO MARTINEZ CABALLERO \u00a0 Bogot\u00e1, D.C. a los siete (7) d\u00edas del mes de septiembre de dos mil (2000). \u00a0 La Sala Sexta de Revisi\u00f3n de la Corte Constitucional, en ejercicio de sus competencias constitucionales y legales, en particular las contenidas en los art\u00edculos 86 y 241, numeral 9, de la Constituci\u00f3n ...<br \/><div class=\"pt-cv-rmwrap\"><a href=\"https:\/\/www.dmsjuridica.com\/buscador_20179478954\/corteconstitucionalcronologico202454587\/t-1246-00\/\" class=\"_self pt-cv-readmore btn btn-success\" target=\"_self\">Ver Sentencia Completa...<\/a><\/div><\/div><\/div><\/div>\n<div class=\"col-md-12 col-sm-12 col-xs-12 pt-cv-content-item pt-cv-1-col\" ><div class='pt-cv-ifield'><a href=\"https:\/\/www.dmsjuridica.com\/buscador_20179478954\/corteconstitucionalcronologico202454587\/t-1245-00\/\" class=\"_self pt-cv-href-thumbnail pt-cv-thumb-default\" target=\"_self\" ><\/a>\n<div class=\"pt-cv-taxoterm above_title\"><a href='https:\/\/www.dmsjuridica.com\/buscador_20179478954\/corteconstitucionalcronologico202454587\/category\/buscar-en-toda-la-corte\/2000\/tutelas-2000\/' title='Tutelas 2000' class='pt-cv-tax-tutelas-2000'>Tutelas 2000<\/a><\/div>\n<h4 class=\"pt-cv-title\"><a href=\"https:\/\/www.dmsjuridica.com\/buscador_20179478954\/corteconstitucionalcronologico202454587\/t-1245-00\/\" class=\"_self\" target=\"_self\" >T-1245-00<\/a><\/h4>\n<div class=\"pt-cv-content\">\u00a0 \u00a0 Sentencia T-1245\/00 \u00a0 MUJER TRABAJADORA EMBARAZADA-Protecci\u00f3n laboral \u00a0 DERECHO A LA ESTABILIDAD LABORAL REFORZADA DE MUJER EMBARAZADA-Elementos f\u00e1cticos que deben demostrarse \u00a0 MUJER TRABAJADORA EMBARAZADA-Prueba de afectaci\u00f3n del m\u00ednimo vital \u00a0 Reiteraci\u00f3n de Jurisprudencia \u00a0 Referencia: expediente T-316684 \u00a0 Acci\u00f3n de tutela instaurada por Mar\u00eda Inelda Ospina Mej\u00eda contra Hogares de Paso la Maloka. \u00a0 Magistrado Ponente: \u00a0 Dr. ALEJANDRO MARTINEZ CABALLERO \u00a0 Bogot\u00e1, D.C. a los siete (7) d\u00edas del mes de septiembre de dos mil (2000). \u00a0 La Sala Sexta de Revisi\u00f3n de la Corte Constitucional, en ejercicio de sus competencias constitucionales y legales, en particular ...<br \/><div class=\"pt-cv-rmwrap\"><a href=\"https:\/\/www.dmsjuridica.com\/buscador_20179478954\/corteconstitucionalcronologico202454587\/t-1245-00\/\" class=\"_self pt-cv-readmore btn btn-success\" target=\"_self\">Ver Sentencia Completa...<\/a><\/div><\/div><\/div><\/div>\n<div class=\"col-md-12 col-sm-12 col-xs-12 pt-cv-content-item pt-cv-1-col\" ><div class='pt-cv-ifield'><a href=\"https:\/\/www.dmsjuridica.com\/buscador_20179478954\/corteconstitucionalcronologico202454587\/t-1244-00\/\" class=\"_self pt-cv-href-thumbnail pt-cv-thumb-default\" target=\"_self\" ><\/a>\n<div class=\"pt-cv-taxoterm above_title\"><a href='https:\/\/www.dmsjuridica.com\/buscador_20179478954\/corteconstitucionalcronologico202454587\/category\/buscar-en-toda-la-corte\/2000\/tutelas-2000\/' title='Tutelas 2000' class='pt-cv-tax-tutelas-2000'>Tutelas 2000<\/a><\/div>\n<h4 class=\"pt-cv-title\"><a href=\"https:\/\/www.dmsjuridica.com\/buscador_20179478954\/corteconstitucionalcronologico202454587\/t-1244-00\/\" class=\"_self\" target=\"_self\" >T-1244-00<\/a><\/h4>\n<div class=\"pt-cv-content\">\u00a0 \u00a0 Sentencia T-1244\/00 \u00a0 DESPIDO DE MUJER EMBARAZADA SIN AUTORIZACION PREVIA-Ineficacia \u00a0 MUJER TRABAJADORA EMBARAZADA-Protecci\u00f3n laboral \u00a0 DERECHO A LA ESTABILIDAD LABORAL REFORZADA DE MUJER EMBARAZADA-Elementos f\u00e1cticos que deben demostrarse \u00a0 CONTRATO A TERMINO FIJO-No pr\u00f3rroga expresa conlleva mutaci\u00f3n a indefinido \u00a0 Reiteraci\u00f3n de Jurisprudencia \u00a0 Referencia: expediente T-316755 \u00a0 Acci\u00f3n de tutela instaurada por Mar\u00eda Cristina Ru\u00edz Castro contra la Empresa CHABA S.A. \u00a0 Magistrado Ponente: \u00a0 Dr. ALEJANDRO MARTINEZ CABALLERO \u00a0 La Sala Sexta de Revisi\u00f3n de la Corte Constitucional, en ejercicio de sus competencias constitucionales y legales, en particular las contenidas en los art\u00edculos 86 y ...<br \/><div class=\"pt-cv-rmwrap\"><a href=\"https:\/\/www.dmsjuridica.com\/buscador_20179478954\/corteconstitucionalcronologico202454587\/t-1244-00\/\" class=\"_self pt-cv-readmore btn btn-success\" target=\"_self\">Ver Sentencia Completa...<\/a><\/div><\/div><\/div><\/div>\n<div class=\"col-md-12 col-sm-12 col-xs-12 pt-cv-content-item pt-cv-1-col\" ><div class='pt-cv-ifield'><a href=\"https:\/\/www.dmsjuridica.com\/buscador_20179478954\/corteconstitucionalcronologico202454587\/t-1243-00\/\" class=\"_self pt-cv-href-thumbnail pt-cv-thumb-default\" target=\"_self\" ><\/a>\n<div class=\"pt-cv-taxoterm above_title\"><a href='https:\/\/www.dmsjuridica.com\/buscador_20179478954\/corteconstitucionalcronologico202454587\/category\/buscar-en-toda-la-corte\/2000\/tutelas-2000\/' title='Tutelas 2000' class='pt-cv-tax-tutelas-2000'>Tutelas 2000<\/a><\/div>\n<h4 class=\"pt-cv-title\"><a href=\"https:\/\/www.dmsjuridica.com\/buscador_20179478954\/corteconstitucionalcronologico202454587\/t-1243-00\/\" class=\"_self\" target=\"_self\" >T-1243-00<\/a><\/h4>\n<div class=\"pt-cv-content\">\u00a0 \u00a0 Sentencia T-1243\/00 \u00a0 ACCION DE TUTELA-Improcedencia reintegro al cargo \u00a0 DERECHO A LA ESTABILIDAD LABORAL REFORZADA DE MUJER EMBARAZADA-Elementos f\u00e1cticos que deben demostrarse \u00a0 MUJER TRABAJADORA EMBARAZADA-Informaci\u00f3n oportuna al empleador sobre su estado \u00a0 REINTEGRO AL CARGO DE MUJER EMBARAZADA-Protecci\u00f3n \u00a0 Reiteraci\u00f3n de Jurisprudencia \u00a0 Referencia: expediente T-316466 \u00a0 Acci\u00f3n de tutela instaurada por Liliana Alexandra Ariza Dom\u00ednguez contra Seguro Social - Seccional Santander. \u00a0 Magistrado Ponente: \u00a0 Dr. ALEJANDRO MARTINEZ CABALLERO \u00a0 Bogot\u00e1, D.C. a los siete (7) d\u00edas del mes de septiembre de dos mil (2000). \u00a0 La Sala Sexta de Revisi\u00f3n de la Corte Constitucional, ...<br \/><div class=\"pt-cv-rmwrap\"><a href=\"https:\/\/www.dmsjuridica.com\/buscador_20179478954\/corteconstitucionalcronologico202454587\/t-1243-00\/\" class=\"_self pt-cv-readmore btn btn-success\" target=\"_self\">Ver Sentencia Completa...<\/a><\/div><\/div><\/div><\/div>\n<div class=\"col-md-12 col-sm-12 col-xs-12 pt-cv-content-item pt-cv-1-col\" ><div class='pt-cv-ifield'><a href=\"https:\/\/www.dmsjuridica.com\/buscador_20179478954\/corteconstitucionalcronologico202454587\/t-1242-00\/\" class=\"_self pt-cv-href-thumbnail pt-cv-thumb-default\" target=\"_self\" ><\/a>\n<div class=\"pt-cv-taxoterm above_title\"><a href='https:\/\/www.dmsjuridica.com\/buscador_20179478954\/corteconstitucionalcronologico202454587\/category\/buscar-en-toda-la-corte\/2000\/tutelas-2000\/' title='Tutelas 2000' class='pt-cv-tax-tutelas-2000'>Tutelas 2000<\/a><\/div>\n<h4 class=\"pt-cv-title\"><a href=\"https:\/\/www.dmsjuridica.com\/buscador_20179478954\/corteconstitucionalcronologico202454587\/t-1242-00\/\" class=\"_self\" target=\"_self\" >T-1242-00<\/a><\/h4>\n<div class=\"pt-cv-content\">\u00a0 \u00a0 Sentencia T-1242\/00 \u00a0 ACCION DE TUTELA-Improcedencia para reintegro al cargo \u00a0 DERECHO A LA ESTABILIDAD LABORAL REFORZADA DE MUJER EMBARAZADA-Elementos f\u00e1cticos que deben demostrarse \u00a0 MUJER TRABAJADORA EMBARAZADA-Informaci\u00f3n oportuna al empleador sobre su estado \u00a0 Reiteraci\u00f3n de Jurisprudencia \u00a0 Referencia: expediente T-316726 \u00a0 Acci\u00f3n de tutela instaurada por Guillermina Hern\u00e1ndez Mart\u00ednez contra el Alcalde del Municipio de Duitama. \u00a0 Magistrado Ponente: \u00a0 Dr. ALEJANDRO MARTINEZ CABALLERO \u00a0 Bogot\u00e1, D.C. a los siete (7) d\u00edas del mes de septiembre de dos mil (2000). \u00a0 La Sala Sexta de Revisi\u00f3n de la Corte Constitucional, en ejercicio de sus competencias constitucionales ...<br \/><div class=\"pt-cv-rmwrap\"><a href=\"https:\/\/www.dmsjuridica.com\/buscador_20179478954\/corteconstitucionalcronologico202454587\/t-1242-00\/\" class=\"_self pt-cv-readmore btn btn-success\" target=\"_self\">Ver Sentencia Completa...<\/a><\/div><\/div><\/div><\/div>\n<div class=\"col-md-12 col-sm-12 col-xs-12 pt-cv-content-item pt-cv-1-col\" ><div class='pt-cv-ifield'><a href=\"https:\/\/www.dmsjuridica.com\/buscador_20179478954\/corteconstitucionalcronologico202454587\/t-1241-00\/\" class=\"_self pt-cv-href-thumbnail pt-cv-thumb-default\" target=\"_self\" ><\/a>\n<div class=\"pt-cv-taxoterm above_title\"><a href='https:\/\/www.dmsjuridica.com\/buscador_20179478954\/corteconstitucionalcronologico202454587\/category\/buscar-en-toda-la-corte\/2000\/tutelas-2000\/' title='Tutelas 2000' class='pt-cv-tax-tutelas-2000'>Tutelas 2000<\/a><\/div>\n<h4 class=\"pt-cv-title\"><a href=\"https:\/\/www.dmsjuridica.com\/buscador_20179478954\/corteconstitucionalcronologico202454587\/t-1241-00\/\" class=\"_self\" target=\"_self\" >T-1241-00<\/a><\/h4>\n<div class=\"pt-cv-content\">\u00a0 \u00a0 Sentencia T-1241\/00 \u00a0 LICENCIA DE MATERNIDAD-Procedencia excepcional de tutela para el pago \u00a0 PRINCIPIO DE FAVORABILIDAD NORMATIVA EN MATERIA DE LICENCIA DE MATERNIDAD-Pago \u00a0 Reiteraci\u00f3n de Jurisprudencia \u00a0 Referencia: expediente T-316375 y 317868 \u00a0 Acciones de tutela instauradas por Loresna Raquel Sierra Robles y Mar\u00eda Magdalena Jaramillo Chaverra contra el Seguro Social - Seccionales Bol\u00edvar y Antioquia.\u00a0 \u00a0 Magistrado Ponente: \u00a0 Dr. ALEJANDRO MARTINEZ CABALLERO \u00a0 Bogot\u00e1, D.C. a los siete (7) d\u00edas del mes de septiembre de dos mil (2000). \u00a0 La Sala Sexta de Revisi\u00f3n de la Corte Constitucional, en ejercicio de sus competencias constitucionales y ...<br \/><div class=\"pt-cv-rmwrap\"><a href=\"https:\/\/www.dmsjuridica.com\/buscador_20179478954\/corteconstitucionalcronologico202454587\/t-1241-00\/\" class=\"_self pt-cv-readmore btn btn-success\" target=\"_self\">Ver Sentencia Completa...<\/a><\/div><\/div><\/div><\/div>\n<div class=\"col-md-12 col-sm-12 col-xs-12 pt-cv-content-item pt-cv-1-col\" ><div class='pt-cv-ifield'><a href=\"https:\/\/www.dmsjuridica.com\/buscador_20179478954\/corteconstitucionalcronologico202454587\/t-1240-00\/\" class=\"_self pt-cv-href-thumbnail pt-cv-thumb-default\" target=\"_self\" ><\/a>\n<div class=\"pt-cv-taxoterm above_title\"><a href='https:\/\/www.dmsjuridica.com\/buscador_20179478954\/corteconstitucionalcronologico202454587\/category\/buscar-en-toda-la-corte\/2000\/tutelas-2000\/' title='Tutelas 2000' class='pt-cv-tax-tutelas-2000'>Tutelas 2000<\/a><\/div>\n<h4 class=\"pt-cv-title\"><a href=\"https:\/\/www.dmsjuridica.com\/buscador_20179478954\/corteconstitucionalcronologico202454587\/t-1240-00\/\" class=\"_self\" target=\"_self\" >T-1240-00<\/a><\/h4>\n<div class=\"pt-cv-content\">\u00a0 \u00a0 Sentencia T-1240\/00 \u00a0 DERECHO A LA IGUALDAD-Discriminaci\u00f3n por raz\u00f3n del r\u00e9gimen prestacional \u00a0 DERECHO DE PETICION-Resoluci\u00f3n oportuna, clara y precisa \u00a0 DISPONIBILIDAD PRESUPUESTAL-Reconocimiento de cesant\u00edas parciales no depende de su existencia \u00a0 Reiteraci\u00f3n de Jurisprudencia \u00a0 Referencia: expediente T-316780 \u00a0 Acci\u00f3n de tutela instaurada por Martha Cecilia Hern\u00e1ndez Rojas contra el Ministerio de Hacienda y Cr\u00e9dito P\u00fablico y la Registradur\u00eda Nacional del Estado Civil. \u00a0 Magistrado ponente: \u00a0 Dr. ALEJANDRO MART\u00cdNEZ CABALLERO \u00a0 Bogot\u00e1 D.C., a los siete (7) d\u00edas del mes de septiembre de dos mil (2000). \u00a0 La Sala Sexta de Revisi\u00f3n de la Corte Constitucional, ...<br \/><div class=\"pt-cv-rmwrap\"><a href=\"https:\/\/www.dmsjuridica.com\/buscador_20179478954\/corteconstitucionalcronologico202454587\/t-1240-00\/\" class=\"_self pt-cv-readmore btn btn-success\" target=\"_self\">Ver Sentencia Completa...<\/a><\/div><\/div><\/div><\/div>\n<div class=\"col-md-12 col-sm-12 col-xs-12 pt-cv-content-item pt-cv-1-col\" ><div class='pt-cv-ifield'><a href=\"https:\/\/www.dmsjuridica.com\/buscador_20179478954\/corteconstitucionalcronologico202454587\/t-124-00\/\" class=\"_self pt-cv-href-thumbnail pt-cv-thumb-default\" target=\"_self\" ><\/a>\n<div class=\"pt-cv-taxoterm above_title\"><a href='https:\/\/www.dmsjuridica.com\/buscador_20179478954\/corteconstitucionalcronologico202454587\/category\/buscar-en-toda-la-corte\/2000\/tutelas-2000\/' title='Tutelas 2000' class='pt-cv-tax-tutelas-2000'>Tutelas 2000<\/a><\/div>\n<h4 class=\"pt-cv-title\"><a href=\"https:\/\/www.dmsjuridica.com\/buscador_20179478954\/corteconstitucionalcronologico202454587\/t-124-00\/\" class=\"_self\" target=\"_self\" >T-124-00<\/a><\/h4>\n<div class=\"pt-cv-content\">\u00a0 \u00a0 Sentencia T-124\/00 \u00a0 ACCION DE TUTELA-Omisi\u00f3n leg\u00edtima del demandado\/JUNTA DE CALIFICACION DE INVALIDEZ-A quien corresponde pago de honorarios \u00a0 El art\u00edculo 42 de la Ley 100 de 1993 determina que los honorarios de los miembros de la Comisi\u00f3n deben ser pagados por la entidad de previsi\u00f3n o seguridad social o por la sociedad administradora a la que est\u00e9 afiliado el solicitante. Por tanto, si no se efect\u00faa la respectiva consignaci\u00f3n, la Junta no est\u00e1 en la obligaci\u00f3n de prestar sus servicios.\u00a0 \u00a0 Referencia: expediente T-251378 \u00a0 Acci\u00f3n de tutela incoada por Inocencio Cort\u00e9s Mendoza contra la Junta de ...<br \/><div class=\"pt-cv-rmwrap\"><a href=\"https:\/\/www.dmsjuridica.com\/buscador_20179478954\/corteconstitucionalcronologico202454587\/t-124-00\/\" class=\"_self pt-cv-readmore btn btn-success\" target=\"_self\">Ver Sentencia Completa...<\/a><\/div><\/div><\/div><\/div>\n<div class=\"col-md-12 col-sm-12 col-xs-12 pt-cv-content-item pt-cv-1-col\" ><div class='pt-cv-ifield'><a href=\"https:\/\/www.dmsjuridica.com\/buscador_20179478954\/corteconstitucionalcronologico202454587\/t-1239-00\/\" class=\"_self pt-cv-href-thumbnail pt-cv-thumb-default\" target=\"_self\" ><\/a>\n<div class=\"pt-cv-taxoterm above_title\"><a href='https:\/\/www.dmsjuridica.com\/buscador_20179478954\/corteconstitucionalcronologico202454587\/category\/buscar-en-toda-la-corte\/2000\/tutelas-2000\/' title='Tutelas 2000' class='pt-cv-tax-tutelas-2000'>Tutelas 2000<\/a><\/div>\n<h4 class=\"pt-cv-title\"><a href=\"https:\/\/www.dmsjuridica.com\/buscador_20179478954\/corteconstitucionalcronologico202454587\/t-1239-00\/\" class=\"_self\" target=\"_self\" >T-1239-00<\/a><\/h4>\n<div class=\"pt-cv-content\">\u00a0 \u00a0 Sentencia T-1239\/00 \u00a0 DERECHO A LA IGUALDAD-Discriminaci\u00f3n entre empleados judiciales por r\u00e9gimen de cesant\u00edas parciales \u00a0 ACCION DE TUTELA-Procedencia excepcional pago de acreencias laborales \u00a0 DERECHO A LA IGUALDAD-Discriminaci\u00f3n por raz\u00f3n del r\u00e9gimen prestacional \u00a0 INDEXACION DE CESANTIAS PARCIALES-Trabajadores de la Rama Judicial \u00a0 Reiteraci\u00f3n de Jurisprudencia \u00a0 Referencia: expediente T-316241 \u00a0 Acci\u00f3n de tutela instaurada por Guillermo Salas Perdomo contra el Ministerio de Hacienda y Administraci\u00f3n Judicial. \u00a0 Magistrado Ponente: \u00a0 Dr. ALEJANDRO MART\u00cdNEZ CABALLERO \u00a0 Bogot\u00e1 D.C., a los siete (7) d\u00edas del mes de septiembre de dos mil (2000). \u00a0 La Sala Sexta de Revisi\u00f3n ...<br \/><div class=\"pt-cv-rmwrap\"><a href=\"https:\/\/www.dmsjuridica.com\/buscador_20179478954\/corteconstitucionalcronologico202454587\/t-1239-00\/\" class=\"_self pt-cv-readmore btn btn-success\" target=\"_self\">Ver Sentencia Completa...<\/a><\/div><\/div><\/div><\/div>\n<div class=\"col-md-12 col-sm-12 col-xs-12 pt-cv-content-item pt-cv-1-col\" ><div class='pt-cv-ifield'><a href=\"https:\/\/www.dmsjuridica.com\/buscador_20179478954\/corteconstitucionalcronologico202454587\/t-1238-00\/\" class=\"_self pt-cv-href-thumbnail pt-cv-thumb-default\" target=\"_self\" ><\/a>\n<div class=\"pt-cv-taxoterm above_title\"><a href='https:\/\/www.dmsjuridica.com\/buscador_20179478954\/corteconstitucionalcronologico202454587\/category\/buscar-en-toda-la-corte\/2000\/tutelas-2000\/' title='Tutelas 2000' class='pt-cv-tax-tutelas-2000'>Tutelas 2000<\/a><\/div>\n<h4 class=\"pt-cv-title\"><a href=\"https:\/\/www.dmsjuridica.com\/buscador_20179478954\/corteconstitucionalcronologico202454587\/t-1238-00\/\" class=\"_self\" target=\"_self\" >T-1238-00<\/a><\/h4>\n<div class=\"pt-cv-content\">\u00a0 \u00a0 Sentencia T-1238\/00 \u00a0 ACCION DE TUTELA-Procedencia excepcional pago de acreencias laborales\/DERECHO AL MINIMO VITAL DEL TRABAJADOR-Pago oportuno de salarios \u00a0 DERECHO AL PAGO OPORTUNO DEL SALARIO-Fundamental \u00a0 EMPLEADOR-Situaci\u00f3n econ\u00f3mica o presupuestal no es \u00f3bice para desconocer pago de salarios \u00a0 Reiteraci\u00f3n de jurisprudencia \u00a0 Referencia: expediente T-315495 \u00a0 Acci\u00f3n de tutela instaurada por Raquel Mej\u00eda Carvajal contra la E.S.E Hospital San Rafael de Barrancabermeja. \u00a0 Magistrado Ponente: \u00a0 Dr. ALEJANDRO MART\u00cdNEZ CABALLERO \u00a0 Bogot\u00e1 D.C., a los siete (7) d\u00eda del mes de septiembre de dos mil (2000). \u00a0 La Sala Sexta de Revisi\u00f3n de la Corte Constitucional, ...<br \/><div class=\"pt-cv-rmwrap\"><a href=\"https:\/\/www.dmsjuridica.com\/buscador_20179478954\/corteconstitucionalcronologico202454587\/t-1238-00\/\" class=\"_self pt-cv-readmore btn btn-success\" target=\"_self\">Ver Sentencia Completa...<\/a><\/div><\/div><\/div><\/div>\n<div class=\"col-md-12 col-sm-12 col-xs-12 pt-cv-content-item pt-cv-1-col\" ><div class='pt-cv-ifield'><a href=\"https:\/\/www.dmsjuridica.com\/buscador_20179478954\/corteconstitucionalcronologico202454587\/t-1237-00\/\" class=\"_self pt-cv-href-thumbnail pt-cv-thumb-default\" target=\"_self\" ><\/a>\n<div class=\"pt-cv-taxoterm above_title\"><a href='https:\/\/www.dmsjuridica.com\/buscador_20179478954\/corteconstitucionalcronologico202454587\/category\/buscar-en-toda-la-corte\/2000\/tutelas-2000\/' title='Tutelas 2000' class='pt-cv-tax-tutelas-2000'>Tutelas 2000<\/a><\/div>\n<h4 class=\"pt-cv-title\"><a href=\"https:\/\/www.dmsjuridica.com\/buscador_20179478954\/corteconstitucionalcronologico202454587\/t-1237-00\/\" class=\"_self\" target=\"_self\" >T-1237-00<\/a><\/h4>\n<div class=\"pt-cv-content\">\u00a0 \u00a0 Sentencia T-1237\/00 \u00a0 ACCION DE TUTELA-Procedencia excepcional pago de acreencias laborales\/DERECHO AL MINIMO VITAL DEL TRABAJADOR-Pago oportuno de salarios \u00a0 DERECHO AL PAGO OPORTUNO DEL SALARIO-Fundamental \u00a0 EMPLEADOR-Situaci\u00f3n econ\u00f3mica o presupuestal no es \u00f3bice para desconocer pago de salarios \u00a0 Reiteraci\u00f3n de Jurisprudencia \u00a0 Referencia: expediente T-316399 \u00a0 Acci\u00f3n de tutela instaurada por Roberto \u00a0Willoughby Bryan, contra el Departamento Archipi\u00e9lago de San Andr\u00e9s, Providencia y Santa Catalina. \u00a0 Dr. ALEJANDRO MART\u00cdNEZ CABALLERO \u00a0 Bogot\u00e1 D.C., a los siete (7) d\u00edas del mes de septiembre de dos mil (2000). \u00a0 La Sala Sexta de Revisi\u00f3n de la Corte Constitucional, ...<br \/><div class=\"pt-cv-rmwrap\"><a href=\"https:\/\/www.dmsjuridica.com\/buscador_20179478954\/corteconstitucionalcronologico202454587\/t-1237-00\/\" class=\"_self pt-cv-readmore btn btn-success\" target=\"_self\">Ver Sentencia Completa...<\/a><\/div><\/div><\/div><\/div>\n<div class=\"col-md-12 col-sm-12 col-xs-12 pt-cv-content-item pt-cv-1-col\" ><div class='pt-cv-ifield'><a href=\"https:\/\/www.dmsjuridica.com\/buscador_20179478954\/corteconstitucionalcronologico202454587\/t-1236-00\/\" class=\"_self pt-cv-href-thumbnail pt-cv-thumb-default\" target=\"_self\" ><\/a>\n<div class=\"pt-cv-taxoterm above_title\"><a href='https:\/\/www.dmsjuridica.com\/buscador_20179478954\/corteconstitucionalcronologico202454587\/category\/buscar-en-toda-la-corte\/2000\/tutelas-2000\/' title='Tutelas 2000' class='pt-cv-tax-tutelas-2000'>Tutelas 2000<\/a><\/div>\n<h4 class=\"pt-cv-title\"><a href=\"https:\/\/www.dmsjuridica.com\/buscador_20179478954\/corteconstitucionalcronologico202454587\/t-1236-00\/\" class=\"_self\" target=\"_self\" >T-1236-00<\/a><\/h4>\n<div class=\"pt-cv-content\">\u00a0 \u00a0 Sentencia T-1236\/00 \u00a0 ACCION DE TUTELA CONTRA PARTICULARES-Subordinaci\u00f3n e indefensi\u00f3n \u00a0 INDEFENSION-Definici\u00f3n \u00a0 ACCION DE TUTELA-Procedencia excepcional pago de acreencias laborales\/DERECHO AL MINIMO VITAL DEL TRABAJADOR-Pago oportuno de salarios \u00a0 DERECHO AL PAGO OPORTUNO DEL SALARIO-Fundamental \u00a0 EMPLEADOR-Situaci\u00f3n econ\u00f3mica o presupuestal no es \u00f3bice para desconocer pago de salarios \u00a0 PERSONA DE LA TERCERA EDAD-Pago de salarios atrasados \u00a0 Referencia: expediente T-317781 \u00a0 Acci\u00f3n de tutela instaurada por Luis Enrique Plata Zabala contra Gustavo Hern\u00e1ndez y C\u00eda. Ltda. \u00a0 Magistrado Ponente: \u00a0 Dr. ALEJANDRO MART\u00cdNEZ CABALLERO \u00a0 Bogot\u00e1, D.C., a los siete (7) d\u00edas del mes de septiembre ...<br \/><div class=\"pt-cv-rmwrap\"><a href=\"https:\/\/www.dmsjuridica.com\/buscador_20179478954\/corteconstitucionalcronologico202454587\/t-1236-00\/\" class=\"_self pt-cv-readmore btn btn-success\" target=\"_self\">Ver Sentencia Completa...<\/a><\/div><\/div><\/div><\/div>\n<div class=\"col-md-12 col-sm-12 col-xs-12 pt-cv-content-item pt-cv-1-col\" ><div class='pt-cv-ifield'><a href=\"https:\/\/www.dmsjuridica.com\/buscador_20179478954\/corteconstitucionalcronologico202454587\/t-1235-00\/\" class=\"_self pt-cv-href-thumbnail pt-cv-thumb-default\" target=\"_self\" ><\/a>\n<div class=\"pt-cv-taxoterm above_title\"><a href='https:\/\/www.dmsjuridica.com\/buscador_20179478954\/corteconstitucionalcronologico202454587\/category\/buscar-en-toda-la-corte\/2000\/tutelas-2000\/' title='Tutelas 2000' class='pt-cv-tax-tutelas-2000'>Tutelas 2000<\/a><\/div>\n<h4 class=\"pt-cv-title\"><a href=\"https:\/\/www.dmsjuridica.com\/buscador_20179478954\/corteconstitucionalcronologico202454587\/t-1235-00\/\" class=\"_self\" target=\"_self\" >T-1235-00<\/a><\/h4>\n<div class=\"pt-cv-content\">\u00a0 \u00a0 Sentencia T-1235\/00 \u00a0 ACCION DE TUTELA-Procedencia excepcional pago de acreencias laborales\/DERECHO AL MINIMO VITAL DEL TRABAJADOR-Pago oportuno de salarios \u00a0 DERECHO AL PAGO OPORTUNO DEL SALARIO-Fundamental \u00a0 EMPLEADOR-Situaci\u00f3n econ\u00f3mica o presupuestal no es \u00f3bice para desconocer pago de salarios \u00a0 Reiteraci\u00f3n de Jurisprudencia \u00a0 Referencia: expediente T-317417 \u00a0 Acci\u00f3n de tutela instaurada por William de Jes\u00fas Amaya Bol\u00edvar contra la Contralor\u00eda Municipal de Maicao (Guajira). \u00a0 Magistrado Ponente: \u00a0 Dr. ALEJANDRO MART\u00cdNEZ CABALLERO \u00a0 Bogot\u00e1 D.C., a los siete (7) d\u00edas del mes de septiembre de dos mil (2000). \u00a0 La Sala Sexta de Revisi\u00f3n de la Corte ...<br \/><div class=\"pt-cv-rmwrap\"><a href=\"https:\/\/www.dmsjuridica.com\/buscador_20179478954\/corteconstitucionalcronologico202454587\/t-1235-00\/\" class=\"_self pt-cv-readmore btn btn-success\" target=\"_self\">Ver Sentencia Completa...<\/a><\/div><\/div><\/div><\/div>\n<div class=\"col-md-12 col-sm-12 col-xs-12 pt-cv-content-item pt-cv-1-col\" ><div class='pt-cv-ifield'><a href=\"https:\/\/www.dmsjuridica.com\/buscador_20179478954\/corteconstitucionalcronologico202454587\/t-1234-00\/\" class=\"_self pt-cv-href-thumbnail pt-cv-thumb-default\" target=\"_self\" ><\/a>\n<div class=\"pt-cv-taxoterm above_title\"><a href='https:\/\/www.dmsjuridica.com\/buscador_20179478954\/corteconstitucionalcronologico202454587\/category\/buscar-en-toda-la-corte\/2000\/tutelas-2000\/' title='Tutelas 2000' class='pt-cv-tax-tutelas-2000'>Tutelas 2000<\/a><\/div>\n<h4 class=\"pt-cv-title\"><a href=\"https:\/\/www.dmsjuridica.com\/buscador_20179478954\/corteconstitucionalcronologico202454587\/t-1234-00\/\" class=\"_self\" target=\"_self\" >T-1234-00<\/a><\/h4>\n<div class=\"pt-cv-content\">\u00a0 \u00a0 Sentencia T-1234\/00 \u00a0 ACCION DE TUTELA-Procedencia excepcional pago de salarios\/DERECHO AL MINIMO VITAL DEL TRABAJADOR-Pago oportuno de salarios \u00a0 DERECHO AL PAGO OPORTUNO DEL SALARIO-Fundamental \u00a0 EMPLEADOR-Situaci\u00f3n econ\u00f3mica o presupuesto no es \u00f3bice para desconocer pago de salarios \u00a0 Reiteraci\u00f3n de Jurisprudencia \u00a0 Referencia: expediente T-317300 \u00a0 Acci\u00f3n de tutela instaurada por Alfredo Gonz\u00e1lez Ibarra contra Ferreter\u00eda Industrial del Caribe Ltda. \u00a0 Magistrado Ponente: \u00a0 Dr. ALEJANDRO MART\u00cdNEZ CABALLERO \u00a0 Bogot\u00e1, D.C., a los siete (7) d\u00edas del mes de septiembre de dos mil (2000). \u00a0 La Sala Sexta de Revisi\u00f3n de la Corte Constitucional, en ejercicio de ...<br \/><div class=\"pt-cv-rmwrap\"><a href=\"https:\/\/www.dmsjuridica.com\/buscador_20179478954\/corteconstitucionalcronologico202454587\/t-1234-00\/\" class=\"_self pt-cv-readmore btn btn-success\" target=\"_self\">Ver Sentencia Completa...<\/a><\/div><\/div><\/div><\/div>\n<div class=\"col-md-12 col-sm-12 col-xs-12 pt-cv-content-item pt-cv-1-col\" ><div class='pt-cv-ifield'><a href=\"https:\/\/www.dmsjuridica.com\/buscador_20179478954\/corteconstitucionalcronologico202454587\/t-1233-00\/\" class=\"_self pt-cv-href-thumbnail pt-cv-thumb-default\" target=\"_self\" ><\/a>\n<div class=\"pt-cv-taxoterm above_title\"><a href='https:\/\/www.dmsjuridica.com\/buscador_20179478954\/corteconstitucionalcronologico202454587\/category\/buscar-en-toda-la-corte\/2000\/tutelas-2000\/' title='Tutelas 2000' class='pt-cv-tax-tutelas-2000'>Tutelas 2000<\/a><\/div>\n<h4 class=\"pt-cv-title\"><a href=\"https:\/\/www.dmsjuridica.com\/buscador_20179478954\/corteconstitucionalcronologico202454587\/t-1233-00\/\" class=\"_self\" target=\"_self\" >T-1233-00<\/a><\/h4>\n<div class=\"pt-cv-content\">\u00a0 \u00a0 Sentencia T-1233\/00 \u00a0 ACCION DE TUTELA-Procedencia excepcional pago de salarios \u00a0 DERECHO AL MINIMO VITAL DEL TRABAJADOR-Pago oportuno de salarios \u00a0 DERECHO AL PAGO OPORTUNO DEL SALARIO-Fundamental \u00a0 EMPLEADOR-Situaci\u00f3n econ\u00f3mica o presupuestal no es \u00f3bice para desconocer pago de salarios \u00a0 Reiteraci\u00f3n de Jurisprudencia \u00a0 Referencia: expediente T-315887 \u00a0 Acci\u00f3n de tutela instaurada por Flor Alba Pedraza Fl\u00f3rez contra Serviprolux Ltda.\u00a0 \u00a0 Magistrado Ponente: \u00a0 Dr. ALEJANDRO MART\u00cdNEZ CABALLERO \u00a0 Bogot\u00e1, D.C., a los siete (7) d\u00edas del mes de septiembre de dos mil (2000). \u00a0 La Sala Sexta de Revisi\u00f3n de la Corte Constitucional, en ejercicio de ...<br \/><div class=\"pt-cv-rmwrap\"><a href=\"https:\/\/www.dmsjuridica.com\/buscador_20179478954\/corteconstitucionalcronologico202454587\/t-1233-00\/\" class=\"_self pt-cv-readmore btn btn-success\" target=\"_self\">Ver Sentencia Completa...<\/a><\/div><\/div><\/div><\/div>\n<div class=\"col-md-12 col-sm-12 col-xs-12 pt-cv-content-item pt-cv-1-col\" ><div class='pt-cv-ifield'><a href=\"https:\/\/www.dmsjuridica.com\/buscador_20179478954\/corteconstitucionalcronologico202454587\/t-1232-00\/\" class=\"_self pt-cv-href-thumbnail pt-cv-thumb-default\" target=\"_self\" ><\/a>\n<div class=\"pt-cv-taxoterm above_title\"><a href='https:\/\/www.dmsjuridica.com\/buscador_20179478954\/corteconstitucionalcronologico202454587\/category\/buscar-en-toda-la-corte\/2000\/tutelas-2000\/' title='Tutelas 2000' class='pt-cv-tax-tutelas-2000'>Tutelas 2000<\/a><\/div>\n<h4 class=\"pt-cv-title\"><a href=\"https:\/\/www.dmsjuridica.com\/buscador_20179478954\/corteconstitucionalcronologico202454587\/t-1232-00\/\" class=\"_self\" target=\"_self\" >T-1232-00<\/a><\/h4>\n<div class=\"pt-cv-content\">\u00a0 \u00a0 Sentencia T-1232\/00 \u00a0 DEBIDO PROCESO-Alcance \u00a0 En cualquier clase de proceso que adelante la administraci\u00f3n en desarrollo de su actividad y en la cual involucre a un particular, deber\u00e1 de tener en cuenta los pasos y procedimientos preestablecidos en cada tipo de proceso, y que estos se deben agotar a fin de poder llegar a la toma de una decisi\u00f3n, sea esta judicial o administrativa. Es por ello, que para que el derecho sustancial que se encuentre involucrado en la decisi\u00f3n que toma la autoridad, se vea protegido, debe estar permanente acompa\u00f1ado y respaldado por un procedimiento y ...<br \/><div class=\"pt-cv-rmwrap\"><a href=\"https:\/\/www.dmsjuridica.com\/buscador_20179478954\/corteconstitucionalcronologico202454587\/t-1232-00\/\" class=\"_self pt-cv-readmore btn btn-success\" target=\"_self\">Ver Sentencia Completa...<\/a><\/div><\/div><\/div><\/div>\n<div class=\"col-md-12 col-sm-12 col-xs-12 pt-cv-content-item pt-cv-1-col\" ><div class='pt-cv-ifield'><a href=\"https:\/\/www.dmsjuridica.com\/buscador_20179478954\/corteconstitucionalcronologico202454587\/t-1231-00\/\" class=\"_self pt-cv-href-thumbnail pt-cv-thumb-default\" target=\"_self\" ><\/a>\n<div class=\"pt-cv-taxoterm above_title\"><a href='https:\/\/www.dmsjuridica.com\/buscador_20179478954\/corteconstitucionalcronologico202454587\/category\/buscar-en-toda-la-corte\/2000\/tutelas-2000\/' title='Tutelas 2000' class='pt-cv-tax-tutelas-2000'>Tutelas 2000<\/a><\/div>\n<h4 class=\"pt-cv-title\"><a href=\"https:\/\/www.dmsjuridica.com\/buscador_20179478954\/corteconstitucionalcronologico202454587\/t-1231-00\/\" class=\"_self\" target=\"_self\" >T-1231-00<\/a><\/h4>\n<div class=\"pt-cv-content\">\u00a0 \u00a0 Sentencia T-1231\/00 \u00a0 ACCION DE TUTELA CONTRA PARTICULARES-Subordinaci\u00f3n \u00a0 ACCION DE TUTELA-Procedencia excepcional pago de acreencias laborales\/DERECHO AL MINIMO VITAL DEL TRABAJADOR-Pago oportuno de salarios \u00a0 Reiteraci\u00f3n de Jurisprudencia \u00a0 Referencia: expediente T-317802 \u00a0 Acci\u00f3n de tutela instaurada por Mar\u00eda Judith Botero V\u00e1squez contra la sociedad Perfiler\u00eda Bacat\u00e1 Ltda. \u00a0 Magistrado Ponente: \u00a0 Dr. ALEJANDRO MART\u00cdNEZ CABALLERO \u00a0 Bogot\u00e1, D.C., a los siete (7) d\u00edas del mes de septiembre de dos mil (2000). \u00a0 La Sala Sexta de Revisi\u00f3n de la Corte Constitucional, en ejercicio de sus competencias constitucionales y legales, en particular las previstas contenidas en los ...<br \/><div class=\"pt-cv-rmwrap\"><a href=\"https:\/\/www.dmsjuridica.com\/buscador_20179478954\/corteconstitucionalcronologico202454587\/t-1231-00\/\" class=\"_self pt-cv-readmore btn btn-success\" target=\"_self\">Ver Sentencia Completa...<\/a><\/div><\/div><\/div><\/div>\n<div class=\"col-md-12 col-sm-12 col-xs-12 pt-cv-content-item pt-cv-1-col\" ><div class='pt-cv-ifield'><a href=\"https:\/\/www.dmsjuridica.com\/buscador_20179478954\/corteconstitucionalcronologico202454587\/t-1230-00\/\" class=\"_self pt-cv-href-thumbnail pt-cv-thumb-default\" target=\"_self\" ><\/a>\n<div class=\"pt-cv-taxoterm above_title\"><a href='https:\/\/www.dmsjuridica.com\/buscador_20179478954\/corteconstitucionalcronologico202454587\/category\/buscar-en-toda-la-corte\/2000\/tutelas-2000\/' title='Tutelas 2000' class='pt-cv-tax-tutelas-2000'>Tutelas 2000<\/a><\/div>\n<h4 class=\"pt-cv-title\"><a href=\"https:\/\/www.dmsjuridica.com\/buscador_20179478954\/corteconstitucionalcronologico202454587\/t-1230-00\/\" class=\"_self\" target=\"_self\" >T-1230-00<\/a><\/h4>\n<div class=\"pt-cv-content\">\u00a0 \u00a0 Sentencia T-1230\/00 \u00a0 DERECHO DE PETICION ANTE ORGANIZACIONES PRIVADAS-Improcedencia cuando no act\u00faa como autoridad \u00a0 Reiteraci\u00f3n de Jurisprudencia \u00a0 Referencia: expediente T-316384 \u00a0 Acci\u00f3n de tutela instaurada por Manuel Moscote Fl\u00f3rez contra la Cooperativa de Empleados de la Universidad de la Guajira COOEDUJIRA LTDA. \u00a0 Dr. ALEJANDRO MART\u00cdNEZ CABALLERO \u00a0 Bogot\u00e1 D.C., a los siete (7) d\u00edas del mes de septiembre de dos mil (2000). \u00a0 La Sala Sexta de Revisi\u00f3n de la Corte Constitucional, integrada por los Magistrados doctores Alejandro Mart\u00ednez Caballero, Fabio Mor\u00f3n D\u00edaz y Vladimiro Naranjo Mesa, en ejercicio de sus competencias constitucionales y legales, ...<br \/><div class=\"pt-cv-rmwrap\"><a href=\"https:\/\/www.dmsjuridica.com\/buscador_20179478954\/corteconstitucionalcronologico202454587\/t-1230-00\/\" class=\"_self pt-cv-readmore btn btn-success\" target=\"_self\">Ver Sentencia Completa...<\/a><\/div><\/div><\/div><\/div>\n<div class=\"col-md-12 col-sm-12 col-xs-12 pt-cv-content-item pt-cv-1-col\" ><div class='pt-cv-ifield'><a href=\"https:\/\/www.dmsjuridica.com\/buscador_20179478954\/corteconstitucionalcronologico202454587\/t-123-00\/\" class=\"_self pt-cv-href-thumbnail pt-cv-thumb-default\" target=\"_self\" ><\/a>\n<div class=\"pt-cv-taxoterm above_title\"><a href='https:\/\/www.dmsjuridica.com\/buscador_20179478954\/corteconstitucionalcronologico202454587\/category\/buscar-en-toda-la-corte\/2000\/tutelas-2000\/' title='Tutelas 2000' class='pt-cv-tax-tutelas-2000'>Tutelas 2000<\/a><\/div>\n<h4 class=\"pt-cv-title\"><a href=\"https:\/\/www.dmsjuridica.com\/buscador_20179478954\/corteconstitucionalcronologico202454587\/t-123-00\/\" class=\"_self\" target=\"_self\" >T-123-00<\/a><\/h4>\n<div class=\"pt-cv-content\">\u00a0 \u00a0 Sentencia T-123\/00 \u00a0 ACCION DE TUTELA-Procedencia excepcional pago de acreencias laborales \u00a0 Referencia: expediente 251193 \u00a0 Acci\u00f3n de tutela instaurada por Marcia Riascos Grueso contra \"Empresas P\u00fablicas Municipales de Buenaventura\" \u00a0 Magistrado Ponente: \u00a0 Dr. JOS\u00c9 GREGORIO HERN\u00c1NDEZ GALINDO \u00a0 Santa Fe de Bogot\u00e1, D.C., diez (10) de febrero de dos mil (2000). \u00a0 La Sala Quinta de Revisi\u00f3n de la Corte Constitucional, en ejercicio de sus competencias constitucionales y legales, espec\u00edficamente las previstas en los art\u00edculos 86 y 241, numeral 9, de la Constituci\u00f3n Pol\u00edtica y en el Decreto 2591 de 1991, ha proferido la siguiente\u00a0 \u00a0 ...<br \/><div class=\"pt-cv-rmwrap\"><a href=\"https:\/\/www.dmsjuridica.com\/buscador_20179478954\/corteconstitucionalcronologico202454587\/t-123-00\/\" class=\"_self pt-cv-readmore btn btn-success\" target=\"_self\">Ver Sentencia Completa...<\/a><\/div><\/div><\/div><\/div>\n<div class=\"col-md-12 col-sm-12 col-xs-12 pt-cv-content-item pt-cv-1-col\" ><div class='pt-cv-ifield'><a href=\"https:\/\/www.dmsjuridica.com\/buscador_20179478954\/corteconstitucionalcronologico202454587\/t-1229-00\/\" class=\"_self pt-cv-href-thumbnail pt-cv-thumb-default\" target=\"_self\" ><\/a>\n<div class=\"pt-cv-taxoterm above_title\"><a href='https:\/\/www.dmsjuridica.com\/buscador_20179478954\/corteconstitucionalcronologico202454587\/category\/buscar-en-toda-la-corte\/2000\/tutelas-2000\/' title='Tutelas 2000' class='pt-cv-tax-tutelas-2000'>Tutelas 2000<\/a><\/div>\n<h4 class=\"pt-cv-title\"><a href=\"https:\/\/www.dmsjuridica.com\/buscador_20179478954\/corteconstitucionalcronologico202454587\/t-1229-00\/\" class=\"_self\" target=\"_self\" >T-1229-00<\/a><\/h4>\n<div class=\"pt-cv-content\">\u00a0 \u00a0 Sentencia T-1229\/00 \u00a0 ACCION DE TUTELA-T\u00e9rmino de presentaci\u00f3n \u00a0 ACCION DE TUTELA-Inmediatez\/ACCION DE TUTELA-Razonabilidad en presentaci\u00f3n y derechos fundamentales de terceros afectados \u00a0 Reiteraci\u00f3n de Jurisprudencia \u00a0 Referencia: expediente T-315433 \u00a0 Acci\u00f3n de tutela instaurada por Fanny Olarte Agudelo contra el Tribunal Superior de Ibagu\u00e9. \u00a0 Magistrado Ponente: \u00a0 Dr. ALEJANDRO MART\u00cdNEZ CABALLERO \u00a0 Bogot\u00e1, D.C., a los siete (7) d\u00edas del mes de septiembre de dos mil (2000). \u00a0 La Sala Sexta de Revisi\u00f3n de la Corte Constitucional, en ejercicio de sus competencias constitucionales y legales, en particular las previstas contenidas en los art\u00edculos 86 y 241, ...<br \/><div class=\"pt-cv-rmwrap\"><a href=\"https:\/\/www.dmsjuridica.com\/buscador_20179478954\/corteconstitucionalcronologico202454587\/t-1229-00\/\" class=\"_self pt-cv-readmore btn btn-success\" target=\"_self\">Ver Sentencia Completa...<\/a><\/div><\/div><\/div><\/div>\n<div class=\"col-md-12 col-sm-12 col-xs-12 pt-cv-content-item pt-cv-1-col\" ><div class='pt-cv-ifield'><a href=\"https:\/\/www.dmsjuridica.com\/buscador_20179478954\/corteconstitucionalcronologico202454587\/t-1228-00\/\" class=\"_self pt-cv-href-thumbnail pt-cv-thumb-default\" target=\"_self\" ><\/a>\n<div class=\"pt-cv-taxoterm above_title\"><a href='https:\/\/www.dmsjuridica.com\/buscador_20179478954\/corteconstitucionalcronologico202454587\/category\/buscar-en-toda-la-corte\/2000\/tutelas-2000\/' title='Tutelas 2000' class='pt-cv-tax-tutelas-2000'>Tutelas 2000<\/a><\/div>\n<h4 class=\"pt-cv-title\"><a href=\"https:\/\/www.dmsjuridica.com\/buscador_20179478954\/corteconstitucionalcronologico202454587\/t-1228-00\/\" class=\"_self\" target=\"_self\" >T-1228-00<\/a><\/h4>\n<div class=\"pt-cv-content\">\u00a0 \u00a0 Sentencia T-1228\/00 \u00a0 DERECHO A LA SALUD-Conexidad con la vida\/DERECHO A LA SEGURIDAD SOCIAL-Fundamental por conexidad con la vida \u00a0 DERECHO A LA VIDA DIGNA-Dolor \u00a0 Reiteraci\u00f3n de Jurisprudencia \u00a0 Referencia: expediente T-317459 \u00a0 Acci\u00f3n de tutela instaurada por Adiela Quintana Le\u00f3n contra Seguro Social, Seccional Oca\u00f1a. \u00a0 Magistrado Ponente: \u00a0 Dr. ALEJANDRO MART\u00cdNEZ CABALLERO \u00a0 Bogot\u00e1, D.C., a los siete (7) d\u00edas del mes de septiembre de dos mil (2000). \u00a0 La Sala Sexta de revisi\u00f3n de la Corte Constitucional, en ejercicio de sus competencias constitucionales y legales, en particular las contenidas en los art\u00edculos 86 y ...<br \/><div class=\"pt-cv-rmwrap\"><a href=\"https:\/\/www.dmsjuridica.com\/buscador_20179478954\/corteconstitucionalcronologico202454587\/t-1228-00\/\" class=\"_self pt-cv-readmore btn btn-success\" target=\"_self\">Ver Sentencia Completa...<\/a><\/div><\/div><\/div><\/div>\n<div class=\"col-md-12 col-sm-12 col-xs-12 pt-cv-content-item pt-cv-1-col\" ><div class='pt-cv-ifield'><a href=\"https:\/\/www.dmsjuridica.com\/buscador_20179478954\/corteconstitucionalcronologico202454587\/t-1227-00\/\" class=\"_self pt-cv-href-thumbnail pt-cv-thumb-default\" target=\"_self\" ><\/a>\n<div class=\"pt-cv-taxoterm above_title\"><a href='https:\/\/www.dmsjuridica.com\/buscador_20179478954\/corteconstitucionalcronologico202454587\/category\/buscar-en-toda-la-corte\/2000\/tutelas-2000\/' title='Tutelas 2000' class='pt-cv-tax-tutelas-2000'>Tutelas 2000<\/a><\/div>\n<h4 class=\"pt-cv-title\"><a href=\"https:\/\/www.dmsjuridica.com\/buscador_20179478954\/corteconstitucionalcronologico202454587\/t-1227-00\/\" class=\"_self\" target=\"_self\" >T-1227-00<\/a><\/h4>\n<div class=\"pt-cv-content\">\u00a0 \u00a0 Sentencia T-1227\/00 \u00a0 DERECHO A LA SALUD-Fundamental por conexidad con la vida\/DERECHO A LA DIGNIDAD HUMANA-Vulneraci\u00f3n por no realizarse examen excluido del POS\/ADMINISTRADORA DEL REGIMEN SUBSIDIADO-Informaci\u00f3n al afiliado sobre posibilidad de atenci\u00f3n en servicio no inclu\u00eddo en POS \u00a0 Reiteraci\u00f3n de Jurisprudencia \u00a0 Referencia: expediente T-316096 \u00a0 Acci\u00f3n de tutela instaurada por Carmen Mar\u00eda Pallares Numa contra COMBARRANQUILLA A.R.S. \u00a0 Magistrado Ponente: \u00a0 Dr. ALEJANDRO MART\u00cdNEZ CABALLERO \u00a0 Bogot\u00e1, D.C., a los siete (7) d\u00edas del mes de septiembre de dos mil (2000). \u00a0 La Sala Sexta de Revisi\u00f3n de la Corte Constitucional, integrada por los Magistrados doctores ...<br \/><div class=\"pt-cv-rmwrap\"><a href=\"https:\/\/www.dmsjuridica.com\/buscador_20179478954\/corteconstitucionalcronologico202454587\/t-1227-00\/\" class=\"_self pt-cv-readmore btn btn-success\" target=\"_self\">Ver Sentencia Completa...<\/a><\/div><\/div><\/div><\/div>\n<div class=\"col-md-12 col-sm-12 col-xs-12 pt-cv-content-item pt-cv-1-col\" ><div class='pt-cv-ifield'><a href=\"https:\/\/www.dmsjuridica.com\/buscador_20179478954\/corteconstitucionalcronologico202454587\/t-1226-00\/\" class=\"_self pt-cv-href-thumbnail pt-cv-thumb-default\" target=\"_self\" ><\/a>\n<div class=\"pt-cv-taxoterm above_title\"><a href='https:\/\/www.dmsjuridica.com\/buscador_20179478954\/corteconstitucionalcronologico202454587\/category\/buscar-en-toda-la-corte\/2000\/tutelas-2000\/' title='Tutelas 2000' class='pt-cv-tax-tutelas-2000'>Tutelas 2000<\/a><\/div>\n<h4 class=\"pt-cv-title\"><a href=\"https:\/\/www.dmsjuridica.com\/buscador_20179478954\/corteconstitucionalcronologico202454587\/t-1226-00\/\" class=\"_self\" target=\"_self\" >T-1226-00<\/a><\/h4>\n<div class=\"pt-cv-content\">\u00a0 \u00a0 Sentencia T-1226\/00 \u00a0 PERSONA DE LA TERCERA EDAD-Lineamientos b\u00e1sicos para determinar definici\u00f3n\/ACCION DE TUTELA-Improcedencia por no afectaci\u00f3n del derecho a seguridad social en salud \u00a0 Reiteraci\u00f3n de Jurisprudencia \u00a0 Referencia: expediente T-316674 \u00a0 Acci\u00f3n de tutela instaurada por Alba Hercilia Pe\u00f1a Gonz\u00e1lez contra la Caja Nacional de Previsi\u00f3n Social CAJANAL E.P.S. \u00a0 Magistrado Ponente: \u00a0 Dr. ALEJANDRO MART\u00cdNEZ CABALLERO \u00a0 Bogot\u00e1, D.C., a los siete (7) d\u00edas del mes de septiembre de dos mil (2000). \u00a0 La Sala Sexta de Revisi\u00f3n de la Corte Constitucional, integrada por los Magistrados doctores Alejandro Mart\u00ednez Caballero, Fabio Mor\u00f3n D\u00edaz y Vladimiro ...<br \/><div class=\"pt-cv-rmwrap\"><a href=\"https:\/\/www.dmsjuridica.com\/buscador_20179478954\/corteconstitucionalcronologico202454587\/t-1226-00\/\" class=\"_self pt-cv-readmore btn btn-success\" target=\"_self\">Ver Sentencia Completa...<\/a><\/div><\/div><\/div><\/div>\n<div class=\"col-md-12 col-sm-12 col-xs-12 pt-cv-content-item pt-cv-1-col\" ><div class='pt-cv-ifield'><a href=\"https:\/\/www.dmsjuridica.com\/buscador_20179478954\/corteconstitucionalcronologico202454587\/t-1225-00\/\" class=\"_self pt-cv-href-thumbnail pt-cv-thumb-default\" target=\"_self\" ><\/a>\n<div class=\"pt-cv-taxoterm above_title\"><a href='https:\/\/www.dmsjuridica.com\/buscador_20179478954\/corteconstitucionalcronologico202454587\/category\/buscar-en-toda-la-corte\/2000\/tutelas-2000\/' title='Tutelas 2000' class='pt-cv-tax-tutelas-2000'>Tutelas 2000<\/a><\/div>\n<h4 class=\"pt-cv-title\"><a href=\"https:\/\/www.dmsjuridica.com\/buscador_20179478954\/corteconstitucionalcronologico202454587\/t-1225-00\/\" class=\"_self\" target=\"_self\" >T-1225-00<\/a><\/h4>\n<div class=\"pt-cv-content\">\u00a0 \u00a0 Sentencia T-1225\/00 \u00a0 DERECHO A LA EDUCACION-Fundamental\/DERECHO A LA EDUCACION DEL NI\u00d1O-Prevalencia \u00a0 EDUCACION-Derecho deber \u00a0 EDUCACION BASICA-Obligatoriedad\/EDUCACION BASICA-L\u00edmite de edad \u00a0 Reiteraci\u00f3n de Jurisprudencia \u00a0 Referencia: expediente T-316035 \u00a0 Acci\u00f3n de tutela instaurada por Mar\u00eda Bernarda P\u00e9rez Cardenas contra el Instituto T\u00e9cnico Industrial del Atl\u00e1ntico (ITIDA). \u00a0 Dr. ALEJANDRO MART\u00cdNEZ CABALLERO \u00a0 Bogot\u00e1, D.C., a los siete (7) d\u00edas del mes de septiembre de dos mil (2000). \u00a0 La Sala Sexta de Revisi\u00f3n de la Corte Constitucional, en ejercicio de sus competencias constitucionales y legales, en particular las previstas contenidas en los art\u00edculos 86 y 241, numeral ...<br \/><div class=\"pt-cv-rmwrap\"><a href=\"https:\/\/www.dmsjuridica.com\/buscador_20179478954\/corteconstitucionalcronologico202454587\/t-1225-00\/\" class=\"_self pt-cv-readmore btn btn-success\" target=\"_self\">Ver Sentencia Completa...<\/a><\/div><\/div><\/div><\/div>\n<div class=\"col-md-12 col-sm-12 col-xs-12 pt-cv-content-item pt-cv-1-col\" ><div class='pt-cv-ifield'><a href=\"https:\/\/www.dmsjuridica.com\/buscador_20179478954\/corteconstitucionalcronologico202454587\/t-1224-00\/\" class=\"_self pt-cv-href-thumbnail pt-cv-thumb-default\" target=\"_self\" ><\/a>\n<div class=\"pt-cv-taxoterm above_title\"><a href='https:\/\/www.dmsjuridica.com\/buscador_20179478954\/corteconstitucionalcronologico202454587\/category\/buscar-en-toda-la-corte\/2000\/tutelas-2000\/' title='Tutelas 2000' class='pt-cv-tax-tutelas-2000'>Tutelas 2000<\/a><\/div>\n<h4 class=\"pt-cv-title\"><a href=\"https:\/\/www.dmsjuridica.com\/buscador_20179478954\/corteconstitucionalcronologico202454587\/t-1224-00\/\" class=\"_self\" target=\"_self\" >T-1224-00<\/a><\/h4>\n<div class=\"pt-cv-content\">\u00a0 \u00a0 Sentencia T-1224\/00 \u00a0 AGENCIA OFICIOSA EN TUTELA-Requisitos\/AGENCIA OFICIOSA EN TUTELA-Inexistencia de manifestaci\u00f3n expresa \u00a0 Reiteraci\u00f3n de Jurisprudencia \u00a0 Referencia: expediente T- 317731 \u00a0 Acci\u00f3n de tutela instaurada por Mar\u00eda Ligia Cort\u00e9s Villab\u00f3n contra Ministerio de Defensa Nacional y Ej\u00e9rcito Nacional. \u00a0 Magistrado Ponente: \u00a0 Dr. ALEJANDRO MART\u00cdNEZ CABALLERO \u00a0 Bogot\u00e1, D.C., a los siete (7) d\u00edas del mes de septiembre de dos mil (2000). \u00a0 La Sala Sexta de Revisi\u00f3n de la Corte Constitucional, en ejercicio de sus competencias constitucionales y legales, en particular las previstas contenidas en los art\u00edculos 86 y 241, numeral 9, de la Constituci\u00f3n ...<br \/><div class=\"pt-cv-rmwrap\"><a href=\"https:\/\/www.dmsjuridica.com\/buscador_20179478954\/corteconstitucionalcronologico202454587\/t-1224-00\/\" class=\"_self pt-cv-readmore btn btn-success\" target=\"_self\">Ver Sentencia Completa...<\/a><\/div><\/div><\/div><\/div>\n<div class=\"col-md-12 col-sm-12 col-xs-12 pt-cv-content-item pt-cv-1-col\" ><div class='pt-cv-ifield'><a href=\"https:\/\/www.dmsjuridica.com\/buscador_20179478954\/corteconstitucionalcronologico202454587\/t-1223-00\/\" class=\"_self pt-cv-href-thumbnail pt-cv-thumb-default\" target=\"_self\" ><\/a>\n<div class=\"pt-cv-taxoterm above_title\"><a href='https:\/\/www.dmsjuridica.com\/buscador_20179478954\/corteconstitucionalcronologico202454587\/category\/buscar-en-toda-la-corte\/2000\/tutelas-2000\/' title='Tutelas 2000' class='pt-cv-tax-tutelas-2000'>Tutelas 2000<\/a><\/div>\n<h4 class=\"pt-cv-title\"><a href=\"https:\/\/www.dmsjuridica.com\/buscador_20179478954\/corteconstitucionalcronologico202454587\/t-1223-00\/\" class=\"_self\" target=\"_self\" >T-1223-00<\/a><\/h4>\n<div class=\"pt-cv-content\">\u00a0 \u00a0 Sentencia T-1223\/00 \u00a0 ACCION DE TUTELA-Procedencia excepcional pago de acreencias laborales \u00a0 DERECHO AL PAGO OPORTUNO DEL SALARIO-Fundamental \u00a0 EMPLEADOR-Situaci\u00f3n econ\u00f3mica o presupuestal no es \u00f3bice para desconocer pago de salarios \u00a0 ENTIDAD HOSPITALARIA-Liquidaci\u00f3n de prestaciones sociales por terminaci\u00f3n de relaci\u00f3n laboral \u00a0 ACCION DE TUTELA-Procedencia excepcional pago de salarios a persona desvinculada por afectaci\u00f3n del m\u00ednimo vital \u00a0 Reiteraci\u00f3n de Jurisprudencia \u00a0 Referencia: expedientes T-316753 y T-317782 \u00a0 Acciones de tutela instauradas por Abilio Dur\u00e1n Rizzo e Iyesnilda Fontalvo Carrillo contra la E.S.E. Hospital \u201cJulio M\u00e9ndez Barreneche\u201d (Santa Marta). \u00a0 Magistrado Ponente: \u00a0 Dr. ALEJANDRO MART\u00cdNEZ CABALLERO ...<br \/><div class=\"pt-cv-rmwrap\"><a href=\"https:\/\/www.dmsjuridica.com\/buscador_20179478954\/corteconstitucionalcronologico202454587\/t-1223-00\/\" class=\"_self pt-cv-readmore btn btn-success\" target=\"_self\">Ver Sentencia Completa...<\/a><\/div><\/div><\/div><\/div>\n<div class=\"col-md-12 col-sm-12 col-xs-12 pt-cv-content-item pt-cv-1-col\" ><div class='pt-cv-ifield'><a href=\"https:\/\/www.dmsjuridica.com\/buscador_20179478954\/corteconstitucionalcronologico202454587\/t-1222-00\/\" class=\"_self pt-cv-href-thumbnail pt-cv-thumb-default\" target=\"_self\" ><\/a>\n<div class=\"pt-cv-taxoterm above_title\"><a href='https:\/\/www.dmsjuridica.com\/buscador_20179478954\/corteconstitucionalcronologico202454587\/category\/buscar-en-toda-la-corte\/2000\/tutelas-2000\/' title='Tutelas 2000' class='pt-cv-tax-tutelas-2000'>Tutelas 2000<\/a><\/div>\n<h4 class=\"pt-cv-title\"><a href=\"https:\/\/www.dmsjuridica.com\/buscador_20179478954\/corteconstitucionalcronologico202454587\/t-1222-00\/\" class=\"_self\" target=\"_self\" >T-1222-00<\/a><\/h4>\n<div class=\"pt-cv-content\">\u00a0 \u00a0 Sentencia T-1222\/00 \u00a0 ACCION DE TUTELA-Procedencia excepcional pago de acreencias laborales \u00a0 DERECHO AL PAGO OPORTUNO DEL SALARIO-Fundamental \u00a0 EMPLEADOR-Situaci\u00f3n econ\u00f3mica o presupuestal no es \u00f3bice para desconocer pago de salarios \u00a0 Reiteraci\u00f3n de Jurisprudencia \u00a0 Referencia: expedientes T-316653 y T-316654. \u00a0 Acciones de tutela instauradas por Henry Arturo Gonz\u00e1lez Boh\u00f3rquez y Marco Fidel Silva Velandia contra el Departamento de Boyac\u00e1 y la Secretar\u00eda de Hacienda del mismo Departamento. \u00a0 Magistrado Ponente: \u00a0 Dr. ALEJANDRO MART\u00cdNEZ CABALLERO \u00a0 Bogot\u00e1 D.C., a los siete (7) d\u00edas del mes de septiembre de dos mil (2000). \u00a0 La Sala Sexta de ...<br \/><div class=\"pt-cv-rmwrap\"><a href=\"https:\/\/www.dmsjuridica.com\/buscador_20179478954\/corteconstitucionalcronologico202454587\/t-1222-00\/\" class=\"_self pt-cv-readmore btn btn-success\" target=\"_self\">Ver Sentencia Completa...<\/a><\/div><\/div><\/div><\/div>\n<div class=\"col-md-12 col-sm-12 col-xs-12 pt-cv-content-item pt-cv-1-col\" ><div class='pt-cv-ifield'><a href=\"https:\/\/www.dmsjuridica.com\/buscador_20179478954\/corteconstitucionalcronologico202454587\/t-1221-00\/\" class=\"_self pt-cv-href-thumbnail pt-cv-thumb-default\" target=\"_self\" ><\/a>\n<div class=\"pt-cv-taxoterm above_title\"><a href='https:\/\/www.dmsjuridica.com\/buscador_20179478954\/corteconstitucionalcronologico202454587\/category\/buscar-en-toda-la-corte\/2000\/tutelas-2000\/' title='Tutelas 2000' class='pt-cv-tax-tutelas-2000'>Tutelas 2000<\/a><\/div>\n<h4 class=\"pt-cv-title\"><a href=\"https:\/\/www.dmsjuridica.com\/buscador_20179478954\/corteconstitucionalcronologico202454587\/t-1221-00\/\" class=\"_self\" target=\"_self\" >T-1221-00<\/a><\/h4>\n<div class=\"pt-cv-content\">\u00a0 \u00a0 Sentencia T-1221\/00 \u00a0 DERECHO A LA SALUD-Fundamental por conexidad con la vida \u00a0 ACCION DE TUTELA DE UN DERECHO PRESTACIONAL-Requisitos concurrentes \u00a0 INAPLICACION DE NORMAS DEL PLAN OBLIGATORIO DE SALUD-Casos en que procede por exclusi\u00f3n de tratamientos y medicamentos de alto costo \u00a0 ACCION DE TUTELA-Procedencia por transplante de higado\/DERECHOS FUNDAMENTALES-Vulneraci\u00f3n por no realizar transplante de higado \u00a0 ENTIDAD PROMOTORA DE SALUD-Repetici\u00f3n contra el FOSYGA \u00a0 Reiteraci\u00f3n de Jurisprudencia \u00a0 Referencia: expediente T-319920 \u00a0 Acci\u00f3n de tutela instaurada por Ana Edilma Romero Contreras contra el Instituto de Seguros Sociales. \u00a0 Magistrado Ponente: \u00a0 Dr. ALEJANDRO MART\u00cdNEZ CABALLERO \u00a0 ...<br \/><div class=\"pt-cv-rmwrap\"><a href=\"https:\/\/www.dmsjuridica.com\/buscador_20179478954\/corteconstitucionalcronologico202454587\/t-1221-00\/\" class=\"_self pt-cv-readmore btn btn-success\" target=\"_self\">Ver Sentencia Completa...<\/a><\/div><\/div><\/div><\/div>\n<div class=\"col-md-12 col-sm-12 col-xs-12 pt-cv-content-item pt-cv-1-col\" ><div class='pt-cv-ifield'><a href=\"https:\/\/www.dmsjuridica.com\/buscador_20179478954\/corteconstitucionalcronologico202454587\/t-122-00\/\" class=\"_self pt-cv-href-thumbnail pt-cv-thumb-default\" target=\"_self\" ><\/a>\n<div class=\"pt-cv-taxoterm above_title\"><a href='https:\/\/www.dmsjuridica.com\/buscador_20179478954\/corteconstitucionalcronologico202454587\/category\/buscar-en-toda-la-corte\/2000\/tutelas-2000\/' title='Tutelas 2000' class='pt-cv-tax-tutelas-2000'>Tutelas 2000<\/a><\/div>\n<h4 class=\"pt-cv-title\"><a href=\"https:\/\/www.dmsjuridica.com\/buscador_20179478954\/corteconstitucionalcronologico202454587\/t-122-00\/\" class=\"_self\" target=\"_self\" >T-122-00<\/a><\/h4>\n<div class=\"pt-cv-content\">\u00a0 \u00a0 Sentencia T-122\/00 \u00a0 SUSTITUCION PENSIONAL-Objeto\/DERECHO A LA SUSTITUCION PENSIONAL-Convivencia en uni\u00f3n libre puede probarse directamente sin necesidad de sentencia judicial \u00a0 La ley colombiana ha contemplado la sustituci\u00f3n pensional como un mecanismo de seguridad social orientado a proteger a los allegados de quien muere siendo titular de una pensi\u00f3n. Se trata de garantizar a los sobrevivientes, normalmente el c\u00f3nyuge sup\u00e9rstite o el compa\u00f1ero o compa\u00f1era permanente que sobrevive, y por supuesto a los hijos, que dispondr\u00e1n de unos recursos para su digno sostenimiento, en forma tal que el deceso del pensionado no signifique una ruptura que afecte los ...<br \/><div class=\"pt-cv-rmwrap\"><a href=\"https:\/\/www.dmsjuridica.com\/buscador_20179478954\/corteconstitucionalcronologico202454587\/t-122-00\/\" class=\"_self pt-cv-readmore btn btn-success\" target=\"_self\">Ver Sentencia Completa...<\/a><\/div><\/div><\/div><\/div>\n<div class=\"col-md-12 col-sm-12 col-xs-12 pt-cv-content-item pt-cv-1-col\" ><div class='pt-cv-ifield'><a href=\"https:\/\/www.dmsjuridica.com\/buscador_20179478954\/corteconstitucionalcronologico202454587\/t-1219-00\/\" class=\"_self pt-cv-href-thumbnail pt-cv-thumb-default\" target=\"_self\" ><\/a>\n<div class=\"pt-cv-taxoterm above_title\"><a href='https:\/\/www.dmsjuridica.com\/buscador_20179478954\/corteconstitucionalcronologico202454587\/category\/buscar-en-toda-la-corte\/2000\/tutelas-2000\/' title='Tutelas 2000' class='pt-cv-tax-tutelas-2000'>Tutelas 2000<\/a><\/div>\n<h4 class=\"pt-cv-title\"><a href=\"https:\/\/www.dmsjuridica.com\/buscador_20179478954\/corteconstitucionalcronologico202454587\/t-1219-00\/\" class=\"_self\" target=\"_self\" >T-1219-00<\/a><\/h4>\n<div class=\"pt-cv-content\">\u00a0 \u00a0 Sentencia T-1219\/00 \u00a0 LEGITIMACION POR ACTIVA EN TUTELA-Madre en representaci\u00f3n de hijo inv\u00e1lido \u00a0 MEDIO DE DEFENSA JUDICIAL-Reembolso de dinero por asunci\u00f3n de costos m\u00e9dicos\/ENTIDAD PROMOTORA DE SALUD-Repetici\u00f3n contra el FOSYGA \u00a0 Reiteraci\u00f3n de Jurisprudencia \u00a0 Referencia: expediente T-319605 \u00a0 Acci\u00f3n de tutela instaurada por Gilma Angarita de Charry contra FAMISANAR E.P.S. \u00a0 Magistrado Ponente: \u00a0 Dr. ALEJANDRO MART\u00cdNEZ CABALLERO \u00a0 Bogot\u00e1, D.C., a los veinte (20) d\u00edas del mes de septiembre de dos mil (2000). \u00a0 La Sala Sexta de Revisi\u00f3n de la Corte Constitucional, en ejercicio de sus competencias constitucionales y legales, en particular las previstas ...<br \/><div class=\"pt-cv-rmwrap\"><a href=\"https:\/\/www.dmsjuridica.com\/buscador_20179478954\/corteconstitucionalcronologico202454587\/t-1219-00\/\" class=\"_self pt-cv-readmore btn btn-success\" target=\"_self\">Ver Sentencia Completa...<\/a><\/div><\/div><\/div><\/div>\n<div class=\"col-md-12 col-sm-12 col-xs-12 pt-cv-content-item pt-cv-1-col\" ><div class='pt-cv-ifield'><a href=\"https:\/\/www.dmsjuridica.com\/buscador_20179478954\/corteconstitucionalcronologico202454587\/t-1218-00\/\" class=\"_self pt-cv-href-thumbnail pt-cv-thumb-default\" target=\"_self\" ><\/a>\n<div class=\"pt-cv-taxoterm above_title\"><a href='https:\/\/www.dmsjuridica.com\/buscador_20179478954\/corteconstitucionalcronologico202454587\/category\/buscar-en-toda-la-corte\/2000\/tutelas-2000\/' title='Tutelas 2000' class='pt-cv-tax-tutelas-2000'>Tutelas 2000<\/a><\/div>\n<h4 class=\"pt-cv-title\"><a href=\"https:\/\/www.dmsjuridica.com\/buscador_20179478954\/corteconstitucionalcronologico202454587\/t-1218-00\/\" class=\"_self\" target=\"_self\" >T-1218-00<\/a><\/h4>\n<div class=\"pt-cv-content\">\u00a0 \u00a0 Sentencia T-1218\/00 \u00a0 DERECHO AL MINIMO VITAL DEL TRABAJADOR-Presunci\u00f3n de afectaci\u00f3n por ausencia prolongada es pago de salarios\/DERECHO AL MINIMO VITAL DEL TRABAJADOR-No afectaci\u00f3n por no pago de primas complementarias de salario a educadores \u00a0 Reiteraci\u00f3n de Jurisprudencia \u00a0 Acciones de tutela instauradas por Bertha Eugenia Hoyos Aristiz\u00e1bal y otros contra el se\u00f1or Gobernador de Antioquia. \u00a0 Magistrado Ponente: \u00a0 Dr. ALEJANDRO MART\u00cdNEZ CABALLERO \u00a0 Bogot\u00e1, D.C., a los veinte (20) d\u00edas del mes de septiembre de dos mil (2000). \u00a0 La Sala Sexta de Revisi\u00f3n de la Corte Constitucional, en ejercicio de sus competencias constitucionales y legales, ...<br \/><div class=\"pt-cv-rmwrap\"><a href=\"https:\/\/www.dmsjuridica.com\/buscador_20179478954\/corteconstitucionalcronologico202454587\/t-1218-00\/\" class=\"_self pt-cv-readmore btn btn-success\" target=\"_self\">Ver Sentencia Completa...<\/a><\/div><\/div><\/div><\/div>\n<div class=\"col-md-12 col-sm-12 col-xs-12 pt-cv-content-item pt-cv-1-col\" ><div class='pt-cv-ifield'><a href=\"https:\/\/www.dmsjuridica.com\/buscador_20179478954\/corteconstitucionalcronologico202454587\/t-1217-00\/\" class=\"_self pt-cv-href-thumbnail pt-cv-thumb-default\" target=\"_self\" ><\/a>\n<div class=\"pt-cv-taxoterm above_title\"><a href='https:\/\/www.dmsjuridica.com\/buscador_20179478954\/corteconstitucionalcronologico202454587\/category\/buscar-en-toda-la-corte\/2000\/tutelas-2000\/' title='Tutelas 2000' class='pt-cv-tax-tutelas-2000'>Tutelas 2000<\/a><\/div>\n<h4 class=\"pt-cv-title\"><a href=\"https:\/\/www.dmsjuridica.com\/buscador_20179478954\/corteconstitucionalcronologico202454587\/t-1217-00\/\" class=\"_self\" target=\"_self\" >T-1217-00<\/a><\/h4>\n<div class=\"pt-cv-content\">\u00a0 \u00a0 Sentencia T-1217\/00 \u00a0 ACCION DE TUTELA-Procedencia excepcional pago de acreencias laborales \u00a0 EMPLEADOR-Situaci\u00f3n econ\u00f3mica o presupuestal no es \u00f3bice para desconocer pago de obligaciones laborales \u00a0 CONCORDATO PREVENTIVO OBLIGATORIO-Pago preferente de salarios y mesadas pensionales \u00a0 EMPLEADOR-Asunci\u00f3n de responsabilidad por mora en aportes en salud \u00a0 Reiteraci\u00f3n de Jurisprudencia \u00a0 Referencia: expediente T-318849 \u00a0 Acci\u00f3n de tutela instaurada por Ricardo Pe\u00f1a Mart\u00ednez contra la Compa\u00f1\u00eda de Inversiones de la Flota Mercante S.A.- en liquidaci\u00f3n. \u00a0 Magistrado Ponente: \u00a0 Dr. ALEJANDRO MART\u00cdNEZ CABALLERO \u00a0 Bogot\u00e1, D.C., a los veinte (20) d\u00edas del mes de septiembre de dos mil (2000) ...<br \/><div class=\"pt-cv-rmwrap\"><a href=\"https:\/\/www.dmsjuridica.com\/buscador_20179478954\/corteconstitucionalcronologico202454587\/t-1217-00\/\" class=\"_self pt-cv-readmore btn btn-success\" target=\"_self\">Ver Sentencia Completa...<\/a><\/div><\/div><\/div><\/div>\n<div class=\"col-md-12 col-sm-12 col-xs-12 pt-cv-content-item pt-cv-1-col\" ><div class='pt-cv-ifield'><a href=\"https:\/\/www.dmsjuridica.com\/buscador_20179478954\/corteconstitucionalcronologico202454587\/t-1216-00\/\" class=\"_self pt-cv-href-thumbnail pt-cv-thumb-default\" target=\"_self\" ><\/a>\n<div class=\"pt-cv-taxoterm above_title\"><a href='https:\/\/www.dmsjuridica.com\/buscador_20179478954\/corteconstitucionalcronologico202454587\/category\/buscar-en-toda-la-corte\/2000\/tutelas-2000\/' title='Tutelas 2000' class='pt-cv-tax-tutelas-2000'>Tutelas 2000<\/a><\/div>\n<h4 class=\"pt-cv-title\"><a href=\"https:\/\/www.dmsjuridica.com\/buscador_20179478954\/corteconstitucionalcronologico202454587\/t-1216-00\/\" class=\"_self\" target=\"_self\" >T-1216-00<\/a><\/h4>\n<div class=\"pt-cv-content\">\u00a0 \u00a0 Sentencia T-1216\/00 \u00a0 ACCION DE TUTELA-Procedencia excepcional pago de mesadas pensionales \u00a0 DERECHO AL MINIMO VITAL DEL PENSIONADO-Pago oportuno de mesadas \u00a0 Reiteraci\u00f3n de Jurisprudencia \u00a0 Referencia: expediente T-318474. \u00a0 Acci\u00f3n de tutela instaurada por Guillermo Quintero G\u00f3mez contra la Caja de Previsi\u00f3n Social de la Superintendencia Bancaria \u201cCAPRESUB\u201d. \u00a0 Magistrado Ponente: \u00a0 Dr. ALEJANDRO MART\u00cdNEZ CABALLERO \u00a0 Bogot\u00e1 D.C., a los veinte (20) d\u00edas del mes de septiembre de dos mil (2000). \u00a0 La Sala Sexta de Revisi\u00f3n de la Corte Constitucional, integrada por los Magistrados doctores Alejandro Mart\u00ednez Caballero, Fabio Mor\u00f3n D\u00edaz y Vladimiro Naranjo Mesa, ...<br \/><div class=\"pt-cv-rmwrap\"><a href=\"https:\/\/www.dmsjuridica.com\/buscador_20179478954\/corteconstitucionalcronologico202454587\/t-1216-00\/\" class=\"_self pt-cv-readmore btn btn-success\" target=\"_self\">Ver Sentencia Completa...<\/a><\/div><\/div><\/div><\/div>\n<div class=\"col-md-12 col-sm-12 col-xs-12 pt-cv-content-item pt-cv-1-col\" ><div class='pt-cv-ifield'><a href=\"https:\/\/www.dmsjuridica.com\/buscador_20179478954\/corteconstitucionalcronologico202454587\/t-1215-00\/\" class=\"_self pt-cv-href-thumbnail pt-cv-thumb-default\" target=\"_self\" ><\/a>\n<div class=\"pt-cv-taxoterm above_title\"><a href='https:\/\/www.dmsjuridica.com\/buscador_20179478954\/corteconstitucionalcronologico202454587\/category\/buscar-en-toda-la-corte\/2000\/tutelas-2000\/' title='Tutelas 2000' class='pt-cv-tax-tutelas-2000'>Tutelas 2000<\/a><\/div>\n<h4 class=\"pt-cv-title\"><a href=\"https:\/\/www.dmsjuridica.com\/buscador_20179478954\/corteconstitucionalcronologico202454587\/t-1215-00\/\" class=\"_self\" target=\"_self\" >T-1215-00<\/a><\/h4>\n<div class=\"pt-cv-content\">\u00a0 \u00a0 Sentencia T-1215\/00\u00a0 \u00a0 PERENCION DEL PROCESO-Operancia \u00a0 PROCESO EJECUTIVO-No se presenta la perenci\u00f3n \u00a0 En lo que ata\u00f1e a los procesos ejecutivos, debido a la naturaleza de su pretensi\u00f3n, no se presenta la perenci\u00f3n, porque ello, implicar\u00eda el desconocimiento de un derecho que ya es cierto e indiscutible, por lo tanto, para este caso eventualmente se puede dar es el levantamiento de las medidas cautelares adoptadas, pero siempre y cuando, como lo dispone el articulo 346 inciso 7\u00ba, los bienes no est\u00e9n gravados con hipoteca o prenda a favor del acreedor que act\u00faa en el proceso, ni dentro ...<br \/><div class=\"pt-cv-rmwrap\"><a href=\"https:\/\/www.dmsjuridica.com\/buscador_20179478954\/corteconstitucionalcronologico202454587\/t-1215-00\/\" class=\"_self pt-cv-readmore btn btn-success\" target=\"_self\">Ver Sentencia Completa...<\/a><\/div><\/div><\/div><\/div>\n<div class=\"col-md-12 col-sm-12 col-xs-12 pt-cv-content-item pt-cv-1-col\" ><div class='pt-cv-ifield'><a href=\"https:\/\/www.dmsjuridica.com\/buscador_20179478954\/corteconstitucionalcronologico202454587\/t-1214-00\/\" class=\"_self pt-cv-href-thumbnail pt-cv-thumb-default\" target=\"_self\" ><\/a>\n<div class=\"pt-cv-taxoterm above_title\"><a href='https:\/\/www.dmsjuridica.com\/buscador_20179478954\/corteconstitucionalcronologico202454587\/category\/buscar-en-toda-la-corte\/2000\/tutelas-2000\/' title='Tutelas 2000' class='pt-cv-tax-tutelas-2000'>Tutelas 2000<\/a><\/div>\n<h4 class=\"pt-cv-title\"><a href=\"https:\/\/www.dmsjuridica.com\/buscador_20179478954\/corteconstitucionalcronologico202454587\/t-1214-00\/\" class=\"_self\" target=\"_self\" >T-1214-00<\/a><\/h4>\n<div class=\"pt-cv-content\">\u00a0 \u00a0 Sentencia T-1214\/00 \u00a0 ACCION DE TUTELA-Requisitos \u00a0 DERECHO A LA EDUCACION-Funcionamiento de escuela perteneciente a cabildo \u00edndigena\/ACCION DE TUTELA-Improcedencia por funcionamiento normal de escuela perteneciente a cabildo ind\u00edgena \u00a0 Referencia: expediente T-302.505 \u00a0 Acci\u00f3n de tutela instaurada por el gobernador del Cabildo Ind\u00edgena de Santa Rita, Puerto Legu\u00edzamo, contra el director del N\u00facleo Educativo No. 25 del mismo Municipio. \u00a0 Magistrado Ponente: \u00a0 Dr. ALVARO TAFUR GALVIS. \u00a0 Santaf\u00e9 de Bogot\u00e1, D.C., diecinueve (19) de septiembre de dos mil (2000).\u00a0 \u00a0 La Sala Novena de Revisi\u00f3n de la Corte Constitucional, integrada por los magistrados Antonio Barrera Carbonell, Alfredo ...<br \/><div class=\"pt-cv-rmwrap\"><a href=\"https:\/\/www.dmsjuridica.com\/buscador_20179478954\/corteconstitucionalcronologico202454587\/t-1214-00\/\" class=\"_self pt-cv-readmore btn btn-success\" target=\"_self\">Ver Sentencia Completa...<\/a><\/div><\/div><\/div><\/div>\n<div class=\"col-md-12 col-sm-12 col-xs-12 pt-cv-content-item pt-cv-1-col\" ><div class='pt-cv-ifield'><a href=\"https:\/\/www.dmsjuridica.com\/buscador_20179478954\/corteconstitucionalcronologico202454587\/t-1213-00\/\" class=\"_self pt-cv-href-thumbnail pt-cv-thumb-default\" target=\"_self\" ><\/a>\n<div class=\"pt-cv-taxoterm above_title\"><a href='https:\/\/www.dmsjuridica.com\/buscador_20179478954\/corteconstitucionalcronologico202454587\/category\/buscar-en-toda-la-corte\/2000\/tutelas-2000\/' title='Tutelas 2000' class='pt-cv-tax-tutelas-2000'>Tutelas 2000<\/a><\/div>\n<h4 class=\"pt-cv-title\"><a href=\"https:\/\/www.dmsjuridica.com\/buscador_20179478954\/corteconstitucionalcronologico202454587\/t-1213-00\/\" class=\"_self\" target=\"_self\" >T-1213-00<\/a><\/h4>\n<div class=\"pt-cv-content\">\u00a0 \u00a0 Sentencia T-1213\/00 \u00a0 MEDIO DE DEFENSA JUDICIAL-Aclaraci\u00f3n, modificaci\u00f3n o revocaci\u00f3n de actos administrativos \u00a0 El C\u00f3digo Contencioso Administrativo regula la via gubernativa como mecanismo dirigido a la aclaraci\u00f3n, modificaci\u00f3n o revocaci\u00f3n de los actos administrativos -como la Resoluci\u00f3n 010 del 7 de febrero del 2000 que la actora controvierte-, y si el mismo ordenamiento prev\u00e9 el control jurisdicci\u00f3nal de dichos actos una vez agotada la primera; en principio, las controversias originadas en actuaciones de la administraci\u00f3n no se someten a la decisi\u00f3n del juez constitucional, salvo que con ellas se quebrante derechos fundamentales y que el tr\u00e1mite ante ...<br \/><div class=\"pt-cv-rmwrap\"><a href=\"https:\/\/www.dmsjuridica.com\/buscador_20179478954\/corteconstitucionalcronologico202454587\/t-1213-00\/\" class=\"_self pt-cv-readmore btn btn-success\" target=\"_self\">Ver Sentencia Completa...<\/a><\/div><\/div><\/div><\/div>\n<div class=\"col-md-12 col-sm-12 col-xs-12 pt-cv-content-item pt-cv-1-col\" ><div class='pt-cv-ifield'><a href=\"https:\/\/www.dmsjuridica.com\/buscador_20179478954\/corteconstitucionalcronologico202454587\/t-1212-00\/\" class=\"_self pt-cv-href-thumbnail pt-cv-thumb-default\" target=\"_self\" ><\/a>\n<div class=\"pt-cv-taxoterm above_title\"><a href='https:\/\/www.dmsjuridica.com\/buscador_20179478954\/corteconstitucionalcronologico202454587\/category\/buscar-en-toda-la-corte\/2000\/tutelas-2000\/' title='Tutelas 2000' class='pt-cv-tax-tutelas-2000'>Tutelas 2000<\/a><\/div>\n<h4 class=\"pt-cv-title\"><a href=\"https:\/\/www.dmsjuridica.com\/buscador_20179478954\/corteconstitucionalcronologico202454587\/t-1212-00\/\" class=\"_self\" target=\"_self\" >T-1212-00<\/a><\/h4>\n<div class=\"pt-cv-content\">SUBSIDIO FAMILIAR-Naturaleza jur\u00eddica \u00a0 DERECHO AL SUBSIDIO FAMILIAR DEL NI\u00d1O-Protecci\u00f3n por tutela \u00a0 Referencia: expedientes acumulados \u00a0T-318453, T-318454, T-318462, T-318504, T-318505, T-318517, T-318518, T-319041 y T-319347 \u00a0 Acciones de tutela incoadas por Gladys Lozano Andrade, Edfilia Reinoso de Padilla, Blanca Libia G\u00f3mez Qui\u00f1ones, Blanca Felipa Qui\u00f1ones, Alcira Ram\u00edrez, Margarita Rodr\u00edguez Silva, Martha Esperanza M\u00e9ndez Oviedo, Jos\u00e9 Ulises Guti\u00e9rrez Cabezas contra el Hospital San Juan Bautista de Chaparral, y por Dora Cecilia V\u00e1squez Marin y Mar\u00eda Dolores Garc\u00eda contra \"Mineros Unidos Ltda. \u00a0 Magistrado Ponente: \u00a0 Dr. JOS\u00c9 GREGORIO HERN\u00c1NDEZ GALINDO \u00a0 Bogot\u00e1, D.C., dieciocho (18) de septiembre de dos mil ...<br \/><div class=\"pt-cv-rmwrap\"><a href=\"https:\/\/www.dmsjuridica.com\/buscador_20179478954\/corteconstitucionalcronologico202454587\/t-1212-00\/\" class=\"_self pt-cv-readmore btn btn-success\" target=\"_self\">Ver Sentencia Completa...<\/a><\/div><\/div><\/div><\/div>\n<div class=\"col-md-12 col-sm-12 col-xs-12 pt-cv-content-item pt-cv-1-col\" ><div class='pt-cv-ifield'><a href=\"https:\/\/www.dmsjuridica.com\/buscador_20179478954\/corteconstitucionalcronologico202454587\/t-1211-00\/\" class=\"_self pt-cv-href-thumbnail pt-cv-thumb-default\" target=\"_self\" ><\/a>\n<div class=\"pt-cv-taxoterm above_title\"><a href='https:\/\/www.dmsjuridica.com\/buscador_20179478954\/corteconstitucionalcronologico202454587\/category\/buscar-en-toda-la-corte\/2000\/tutelas-2000\/' title='Tutelas 2000' class='pt-cv-tax-tutelas-2000'>Tutelas 2000<\/a><\/div>\n<h4 class=\"pt-cv-title\"><a href=\"https:\/\/www.dmsjuridica.com\/buscador_20179478954\/corteconstitucionalcronologico202454587\/t-1211-00\/\" class=\"_self\" target=\"_self\" >T-1211-00<\/a><\/h4>\n<div class=\"pt-cv-content\">\u00a0 \u00a0 Sentencia T-1211\/00 \u00a0 LEGITIMACION POR ACTIVA DEL SINDICATO-Presentaci\u00f3n de tutela \u00a0 ACCION DE TUTELA-Subsidiariedad \u00a0 PERJUICIO IRREMEDIABLE-Elementos \u00a0 PERJUICIO IRREMEDIABLE-Definici\u00f3n \u00a0 DERECHO DE ASOCIACION SINDICAL-Alcance\/DERECHO DE ASOCIACION SINDICAL-Modalidad de la libre asociaci\u00f3n \u00a0 DERECHO DE ASOCIACION SINDICAL-Fundamental \u00a0 DERECHO DE ASOCIACION SINDICAL EN LA NORMATIVIDAD INTERNACIONAL-Se proyecta en el \u00e1mbito interno \u00a0 BLOQUE DE CONSTITUCIONALIDAD-Conformaci\u00f3n \u00a0 SINDICATO-Financiaci\u00f3n \u00a0 No puede concebirse la asociaci\u00f3n sindical si no se garantiza que \u00e9sta, en los t\u00e9rminos del acto de asociaci\u00f3n, pueda contar con elementos materiales representados en bienes y recursos econ\u00f3micos que le permitan cumplir con los fines para los cuales ...<br \/><div class=\"pt-cv-rmwrap\"><a href=\"https:\/\/www.dmsjuridica.com\/buscador_20179478954\/corteconstitucionalcronologico202454587\/t-1211-00\/\" class=\"_self pt-cv-readmore btn btn-success\" target=\"_self\">Ver Sentencia Completa...<\/a><\/div><\/div><\/div><\/div>\n<div class=\"col-md-12 col-sm-12 col-xs-12 pt-cv-content-item pt-cv-1-col\" ><div class='pt-cv-ifield'><a href=\"https:\/\/www.dmsjuridica.com\/buscador_20179478954\/corteconstitucionalcronologico202454587\/t-1210-00\/\" class=\"_self pt-cv-href-thumbnail pt-cv-thumb-default\" target=\"_self\" ><\/a>\n<div class=\"pt-cv-taxoterm above_title\"><a href='https:\/\/www.dmsjuridica.com\/buscador_20179478954\/corteconstitucionalcronologico202454587\/category\/buscar-en-toda-la-corte\/2000\/tutelas-2000\/' title='Tutelas 2000' class='pt-cv-tax-tutelas-2000'>Tutelas 2000<\/a><\/div>\n<h4 class=\"pt-cv-title\"><a href=\"https:\/\/www.dmsjuridica.com\/buscador_20179478954\/corteconstitucionalcronologico202454587\/t-1210-00\/\" class=\"_self\" target=\"_self\" >T-1210-00<\/a><\/h4>\n<div class=\"pt-cv-content\">\u00a0 \u00a0 Sentencia T-1210\/00 \u00a0 ACCION DE TUTELA-Procedencia excepcional pago de salarios \u00a0 DERECHO AL PAGO OPORTUNO DEL SALARIO-Fundamental \u00a0 DERECHO AL MINIMO VITAL DEL TRABAJADOR-Pago oportuno de salarios \u00a0 MEDIO DE DEFENSA JUDICIAL-Pago de salarios por no afectaci\u00f3n del m\u00ednimo vital \u00a0 Es indudable que de todos modos el hospital debe pagar los salarios, y que los actores cuentan con las respectivas acciones laborales para que el hospital cumpla con esas obligaciones. Por consiguiente, el hecho de que la Corte no tutele a los peticionarios ni ordene, por v\u00eda de tutela, el pago de esas acreencias laborales, no debe ...<br \/><div class=\"pt-cv-rmwrap\"><a href=\"https:\/\/www.dmsjuridica.com\/buscador_20179478954\/corteconstitucionalcronologico202454587\/t-1210-00\/\" class=\"_self pt-cv-readmore btn btn-success\" target=\"_self\">Ver Sentencia Completa...<\/a><\/div><\/div><\/div><\/div>\n<div class=\"col-md-12 col-sm-12 col-xs-12 pt-cv-content-item pt-cv-1-col\" ><div class='pt-cv-ifield'><a href=\"https:\/\/www.dmsjuridica.com\/buscador_20179478954\/corteconstitucionalcronologico202454587\/t-121-00\/\" class=\"_self pt-cv-href-thumbnail pt-cv-thumb-default\" target=\"_self\" ><\/a>\n<div class=\"pt-cv-taxoterm above_title\"><a href='https:\/\/www.dmsjuridica.com\/buscador_20179478954\/corteconstitucionalcronologico202454587\/category\/buscar-en-toda-la-corte\/2000\/tutelas-2000\/' title='Tutelas 2000' class='pt-cv-tax-tutelas-2000'>Tutelas 2000<\/a><\/div>\n<h4 class=\"pt-cv-title\"><a href=\"https:\/\/www.dmsjuridica.com\/buscador_20179478954\/corteconstitucionalcronologico202454587\/t-121-00\/\" class=\"_self\" target=\"_self\" >T-121-00<\/a><\/h4>\n<div class=\"pt-cv-content\">\u00a0 \u00a0 Sentencia T-121\/00 \u00a0 DERECHO A LA VIDA-Trasciende la mera subsistencia biol\u00f3gica \u00a0 La vida es un derecho que trasciende el de la mera subsistencia biol\u00f3gica y que, tal como lo protege la Constituci\u00f3n Pol\u00edtica, corresponde espec\u00edfica y exclusivamente al ser humano. La vida, bajo esa perspectiva, incorpora todo un conjunto de elementos que hacen de ella un valor superior que no se agota en los aspectos f\u00edsicos o fisiol\u00f3gicos sino que incluye los espirituales, los sicol\u00f3gicos, los morales, entre varios m\u00e1s, y sobre todo la dignidad que exige la persona por el hecho de serlo. \u00a0 DERECHO A ...<br \/><div class=\"pt-cv-rmwrap\"><a href=\"https:\/\/www.dmsjuridica.com\/buscador_20179478954\/corteconstitucionalcronologico202454587\/t-121-00\/\" class=\"_self pt-cv-readmore btn btn-success\" target=\"_self\">Ver Sentencia Completa...<\/a><\/div><\/div><\/div><\/div>\n<div class=\"col-md-12 col-sm-12 col-xs-12 pt-cv-content-item pt-cv-1-col\" ><div class='pt-cv-ifield'><a href=\"https:\/\/www.dmsjuridica.com\/buscador_20179478954\/corteconstitucionalcronologico202454587\/t-1209-00\/\" class=\"_self pt-cv-href-thumbnail pt-cv-thumb-default\" target=\"_self\" ><\/a>\n<div class=\"pt-cv-taxoterm above_title\"><a href='https:\/\/www.dmsjuridica.com\/buscador_20179478954\/corteconstitucionalcronologico202454587\/category\/buscar-en-toda-la-corte\/2000\/tutelas-2000\/' title='Tutelas 2000' class='pt-cv-tax-tutelas-2000'>Tutelas 2000<\/a><\/div>\n<h4 class=\"pt-cv-title\"><a href=\"https:\/\/www.dmsjuridica.com\/buscador_20179478954\/corteconstitucionalcronologico202454587\/t-1209-00\/\" class=\"_self\" target=\"_self\" >T-1209-00<\/a><\/h4>\n<div class=\"pt-cv-content\">\u00a0 \u00a0 Sentencia T-1209\/00 \u00a0 FUERO SINDICAL-Finalidad \u00a0 ACCION DE REINTEGRO DE TRABAJADOR CON FUERO SINDICAL-Prescripci\u00f3n \u00a0 JURISDICCION LABORAL-Conflictos por raz\u00f3n del fuero sindical de trabajadores particulares \u00a0 JUEZ DE TUTELA-Incompetencia para conocer de conflictos sobre existencia de fuero sindical\/ACCION DE TUTELA-Subsidiariedad \u00a0 DERECHO DE ASOCIACION SINDICAL DE LOS SERVIDORES PUBLICOS-Naturaleza jur\u00eddica \u00a0 ACCION DE REINTEGRO DE TRABAJADOR CON FUERO SINDICAL-Eficacia para la protecci\u00f3n de derechos fundamentales por despido sin previa calificaci\u00f3n judicial \u00a0 FUERO SINDICAL-Traslado de empleado \u00a0 DERECHO AL MINIMO VITAL DEL TRABAJADOR-Pago oportuno de salarios \u00a0 REMUNERACION MINIMA VITAL Y MOVIL-Movilidad \u00a0 DERECHO AL PAGO OPORTUNO DEL ...<br \/><div class=\"pt-cv-rmwrap\"><a href=\"https:\/\/www.dmsjuridica.com\/buscador_20179478954\/corteconstitucionalcronologico202454587\/t-1209-00\/\" class=\"_self pt-cv-readmore btn btn-success\" target=\"_self\">Ver Sentencia Completa...<\/a><\/div><\/div><\/div><\/div>\n<div class=\"col-md-12 col-sm-12 col-xs-12 pt-cv-content-item pt-cv-1-col\" ><div class='pt-cv-ifield'><a href=\"https:\/\/www.dmsjuridica.com\/buscador_20179478954\/corteconstitucionalcronologico202454587\/t-1208-00\/\" class=\"_self pt-cv-href-thumbnail pt-cv-thumb-default\" target=\"_self\" ><\/a>\n<div class=\"pt-cv-taxoterm above_title\"><a href='https:\/\/www.dmsjuridica.com\/buscador_20179478954\/corteconstitucionalcronologico202454587\/category\/buscar-en-toda-la-corte\/2000\/tutelas-2000\/' title='Tutelas 2000' class='pt-cv-tax-tutelas-2000'>Tutelas 2000<\/a><\/div>\n<h4 class=\"pt-cv-title\"><a href=\"https:\/\/www.dmsjuridica.com\/buscador_20179478954\/corteconstitucionalcronologico202454587\/t-1208-00\/\" class=\"_self\" target=\"_self\" >T-1208-00<\/a><\/h4>\n<div class=\"pt-cv-content\">\u00a0 \u00a0 Sentencia T-1208\/00 \u00a0 ACCION DE TUTELA-Procedencia excepcional pago de salarios \u00a0 DERECHO AL MINIMO VITAL DEL TRABAJADOR-Pago oportuno de salarios \u00a0 EMPLEADOR-Situaci\u00f3n econ\u00f3mica o presupuestal no es \u00f3bice para desconocer pago de salarios \u00a0 Referencia: expediente T-320532 \u00a0 Accionante: Juan Carlos P\u00e9rez Rodr\u00edguez \u00a0 \u00a0 \u00a0 Dr. ALEJANDRO MARTINEZ CABALLERO \u00a0 Santa Fe de Bogot\u00e1, D.C., catorce (14) de Septiembre de dos mil (2.000). \u00a0 La Sala Sexta de Revisi\u00f3n de la Corte Constitucional, integrada por los Magistrados doctores Alejandro Mart\u00ednez Caballero, Fabio Mor\u00f3n D\u00edaz y Vladimiro Naranjo Mesa, en ejercicio de sus competencias constitucionales y legales, ha ...<br \/><div class=\"pt-cv-rmwrap\"><a href=\"https:\/\/www.dmsjuridica.com\/buscador_20179478954\/corteconstitucionalcronologico202454587\/t-1208-00\/\" class=\"_self pt-cv-readmore btn btn-success\" target=\"_self\">Ver Sentencia Completa...<\/a><\/div><\/div><\/div><\/div>\n<div class=\"col-md-12 col-sm-12 col-xs-12 pt-cv-content-item pt-cv-1-col\" ><div class='pt-cv-ifield'><a href=\"https:\/\/www.dmsjuridica.com\/buscador_20179478954\/corteconstitucionalcronologico202454587\/t-1207-00\/\" class=\"_self pt-cv-href-thumbnail pt-cv-thumb-default\" target=\"_self\" ><\/a>\n<div class=\"pt-cv-taxoterm above_title\"><a href='https:\/\/www.dmsjuridica.com\/buscador_20179478954\/corteconstitucionalcronologico202454587\/category\/buscar-en-toda-la-corte\/2000\/tutelas-2000\/' title='Tutelas 2000' class='pt-cv-tax-tutelas-2000'>Tutelas 2000<\/a><\/div>\n<h4 class=\"pt-cv-title\"><a href=\"https:\/\/www.dmsjuridica.com\/buscador_20179478954\/corteconstitucionalcronologico202454587\/t-1207-00\/\" class=\"_self\" target=\"_self\" >T-1207-00<\/a><\/h4>\n<div class=\"pt-cv-content\">\u00a0 \u00a0 Sentencia T-1207\/00 \u00a0 EDUCACION-Funci\u00f3n social\/EDUCACION-Derecho deber \u00a0 EDUCACION-Obligaci\u00f3n de la familia \u00a0 DERECHO A LA EDUCACION-Faltas disciplinarias\/DEBIDO PROCESO EN MATERIA EDUCATIVA-Aplicaci\u00f3n \u00a0 DERECHO A LA EDUCACION-P\u00e9rdida de cupo por faltas disciplinarias \u00a0 Referencia: expediente T-308797 \u00a0 Accionante: Mar\u00eda Disnel Oliveros Alzate en representaci\u00f3n de Nataly Builes Oliveros.\u00a0 \u00a0 Accionado: Colegio Santa Mar\u00eda Goretti. \u00a0 Magistrado Ponente: \u00a0 Dr. ALEJANDRO MARTINEZ CABALLERO \u00a0 Santa Fe de Bogot\u00e1, D.C., catorce (14) de septiembre de dos mil (2000).\u00a0 \u00a0 SENTENCIA \u00a0 Dentro de la acci\u00f3n de tutela N\u00ba 308797 promovida por la se\u00f1ora Mar\u00eda Disnel Oliveros Alzate, en nombre y representaci\u00f3n ...<br \/><div class=\"pt-cv-rmwrap\"><a href=\"https:\/\/www.dmsjuridica.com\/buscador_20179478954\/corteconstitucionalcronologico202454587\/t-1207-00\/\" class=\"_self pt-cv-readmore btn btn-success\" target=\"_self\">Ver Sentencia Completa...<\/a><\/div><\/div><\/div><\/div>\n<div class=\"col-md-12 col-sm-12 col-xs-12 pt-cv-content-item pt-cv-1-col\" ><div class='pt-cv-ifield'><a href=\"https:\/\/www.dmsjuridica.com\/buscador_20179478954\/corteconstitucionalcronologico202454587\/t-1206-00\/\" class=\"_self pt-cv-href-thumbnail pt-cv-thumb-default\" target=\"_self\" ><\/a>\n<div class=\"pt-cv-taxoterm above_title\"><a href='https:\/\/www.dmsjuridica.com\/buscador_20179478954\/corteconstitucionalcronologico202454587\/category\/buscar-en-toda-la-corte\/2000\/tutelas-2000\/' title='Tutelas 2000' class='pt-cv-tax-tutelas-2000'>Tutelas 2000<\/a><\/div>\n<h4 class=\"pt-cv-title\"><a href=\"https:\/\/www.dmsjuridica.com\/buscador_20179478954\/corteconstitucionalcronologico202454587\/t-1206-00\/\" class=\"_self\" target=\"_self\" >T-1206-00<\/a><\/h4>\n<div class=\"pt-cv-content\">\u00a0 \u00a0 Sentencia T-1206\/00 \u00a0 ACCION DE TUTELA-Procedencia excepcional pago de salarios \u00a0 DERECHO AL MINIMO VITAL DEL TRABAJADOR-Pago oportuno de salarios \u00a0 EMPLEADOR-Situaci\u00f3n econ\u00f3mica o presupuestal no es \u00f3bice para desconocer pago de salarios\u00a0 \u00a0 Referencia: expedientes T-318.929, T-319.815, T-320.163 y T-320.502 (acumulados) \u00a0 Magistrado Ponente:\u00a0 \u00a0 Dr. ALEJANDRO MART\u00cdNEZ CABALLERO \u00a0 Bogot\u00e1, catorce (14) de septiembre de dos mil (2000) \u00a0 La Sala Sexta de Revisi\u00f3n de la Corte Constitucional, en ejercicio de sus competencias constitucionales y legales, ha proferido Sentencia en las acciones de tutela interpuestas, mediante apoderado, por Luis Rangel M\u00e9ndez, Leoncio Newball Bowie y Ledys ...<br \/><div class=\"pt-cv-rmwrap\"><a href=\"https:\/\/www.dmsjuridica.com\/buscador_20179478954\/corteconstitucionalcronologico202454587\/t-1206-00\/\" class=\"_self pt-cv-readmore btn btn-success\" target=\"_self\">Ver Sentencia Completa...<\/a><\/div><\/div><\/div><\/div>\n<div class=\"col-md-12 col-sm-12 col-xs-12 pt-cv-content-item pt-cv-1-col\" ><div class='pt-cv-ifield'><a href=\"https:\/\/www.dmsjuridica.com\/buscador_20179478954\/corteconstitucionalcronologico202454587\/t-1205-00\/\" class=\"_self pt-cv-href-thumbnail pt-cv-thumb-default\" target=\"_self\" ><\/a>\n<div class=\"pt-cv-taxoterm above_title\"><a href='https:\/\/www.dmsjuridica.com\/buscador_20179478954\/corteconstitucionalcronologico202454587\/category\/buscar-en-toda-la-corte\/2000\/tutelas-2000\/' title='Tutelas 2000' class='pt-cv-tax-tutelas-2000'>Tutelas 2000<\/a><\/div>\n<h4 class=\"pt-cv-title\"><a href=\"https:\/\/www.dmsjuridica.com\/buscador_20179478954\/corteconstitucionalcronologico202454587\/t-1205-00\/\" class=\"_self\" target=\"_self\" >T-1205-00<\/a><\/h4>\n<div class=\"pt-cv-content\">\u00a0 \u00a0 Sentencia T-1205\/00\u00a0 \u00a0 ACCION DE TUTELA-Procedencia excepcional pago de mesadas pensionales \u00a0 DERECHO AL MINIMO VITAL DEL PENSIONADO-Pago oportuno de mesadas \u00a0 EMPLEADOR-Situaci\u00f3n econ\u00f3mica o presupuestal no es \u00f3bice para desconocer pago de mesadas pensionales \u00a0 Referencia: expediente T-319802 \u00a0 Acci\u00f3n de tutela instaurada por Auristela C\u00f3rdoba M\u00e9ndez contra la Universidad del Atl\u00e1ntico.\u00a0 \u00a0 Magistrado Ponente:\u00a0 \u00a0 Dr. ALEJANDRO MART\u00cdNEZ CABALLERO \u00a0 Santa Fe de Bogot\u00e1, \u00a0catorce (14) de septiembre de dos mil (2000) \u00a0 La Sala Sexta de Revisi\u00f3n de la Corte Constitucional, integrada por los Magistrados Alejandro Mart\u00ednez Caballero, Fabio Mor\u00f3n D\u00edaz y Vladimiro Naranjo Mesa, ...<br \/><div class=\"pt-cv-rmwrap\"><a href=\"https:\/\/www.dmsjuridica.com\/buscador_20179478954\/corteconstitucionalcronologico202454587\/t-1205-00\/\" class=\"_self pt-cv-readmore btn btn-success\" target=\"_self\">Ver Sentencia Completa...<\/a><\/div><\/div><\/div><\/div>\n<div class=\"col-md-12 col-sm-12 col-xs-12 pt-cv-content-item pt-cv-1-col\" ><div class='pt-cv-ifield'><a href=\"https:\/\/www.dmsjuridica.com\/buscador_20179478954\/corteconstitucionalcronologico202454587\/t-1204-00\/\" class=\"_self pt-cv-href-thumbnail pt-cv-thumb-default\" target=\"_self\" ><\/a>\n<div class=\"pt-cv-taxoterm above_title\"><a href='https:\/\/www.dmsjuridica.com\/buscador_20179478954\/corteconstitucionalcronologico202454587\/category\/buscar-en-toda-la-corte\/2000\/tutelas-2000\/' title='Tutelas 2000' class='pt-cv-tax-tutelas-2000'>Tutelas 2000<\/a><\/div>\n<h4 class=\"pt-cv-title\"><a href=\"https:\/\/www.dmsjuridica.com\/buscador_20179478954\/corteconstitucionalcronologico202454587\/t-1204-00\/\" class=\"_self\" target=\"_self\" >T-1204-00<\/a><\/h4>\n<div class=\"pt-cv-content\">\u00a0 \u00a0 Sentencia T-1204\/00 \u00a0 DERECHO A LA SALUD-Fundamental por conexidad con la vida \u00a0 INAPLICACION DE NORMAS DEL PLAN OBLIGATORIO DE SALUD-Pr\u00e1ctica de ex\u00e1menes excluidos del manual de actividades, intervenciones y procedimientos \u00a0 ENTIDAD PROMOTORA DE SALUD-Repetici\u00f3n contra el FOSYGA \u00a0 DERECHO A LA VIDA-Realizaci\u00f3n por el POS de examen de carga viral para hepatitis C \u00a0 Referencia: expediente T-306592 \u00a0 Procedencia: Juzgado Catorce Civil del Circuito de Bogot\u00e1.\u00a0 \u00a0 \u00a0 \u00a0 Actor: Hernando A G\u00f3mez Prieto. \u00a0 Magistrado Ponente: \u00a0 Dr. ALEJANDRO MARTINEZ CABALLERO \u00a0 La Sala Sexta de Revisi\u00f3n de la Corte Constitucional, integrada por los Magistrados ...<br \/><div class=\"pt-cv-rmwrap\"><a href=\"https:\/\/www.dmsjuridica.com\/buscador_20179478954\/corteconstitucionalcronologico202454587\/t-1204-00\/\" class=\"_self pt-cv-readmore btn btn-success\" target=\"_self\">Ver Sentencia Completa...<\/a><\/div><\/div><\/div><\/div>\n<div class=\"col-md-12 col-sm-12 col-xs-12 pt-cv-content-item pt-cv-1-col\" ><div class='pt-cv-ifield'><a href=\"https:\/\/www.dmsjuridica.com\/buscador_20179478954\/corteconstitucionalcronologico202454587\/t-1203-00\/\" class=\"_self pt-cv-href-thumbnail pt-cv-thumb-default\" target=\"_self\" ><\/a>\n<div class=\"pt-cv-taxoterm above_title\"><a href='https:\/\/www.dmsjuridica.com\/buscador_20179478954\/corteconstitucionalcronologico202454587\/category\/buscar-en-toda-la-corte\/2000\/tutelas-2000\/' title='Tutelas 2000' class='pt-cv-tax-tutelas-2000'>Tutelas 2000<\/a><\/div>\n<h4 class=\"pt-cv-title\"><a href=\"https:\/\/www.dmsjuridica.com\/buscador_20179478954\/corteconstitucionalcronologico202454587\/t-1203-00\/\" class=\"_self\" target=\"_self\" >T-1203-00<\/a><\/h4>\n<div class=\"pt-cv-content\">\u00a0 \u00a0 Sentencia T-1203\/00 \u00a0 ACCION DE TUTELA-Procedencia excepcional pago de salarios \u00a0 DERECHO AL PAGO OPORTUNO DEL SALARIO-Fundamental \u00a0 DERECHO AL MINIMO VITAL DEL TRABAJADOR-Pago oportuno de salarios \u00a0 EMPLEADOR-Situaci\u00f3n econ\u00f3mica o presupuestal no es \u00f3bice para desconocer pago de salarios \u00a0 EMPLEADOR-Traslado de aportes a seguridad social\/EMPLEADOR-Asunci\u00f3n de responsabilidad por mora en aportes en seguridad social \u00a0 Referencia: expediente T-318.671 \u00a0 Magistrado Ponente:\u00a0 \u00a0 Dr. ALEJANDRO MART\u00cdNEZ CABALLERO \u00a0 Bogot\u00e1, catorce (14) de septiembre de dos mil (2000) \u00a0 La Sala Sexta de Revisi\u00f3n de la Corte Constitucional, en ejercicio de sus competencias constitucionales y legales, ha proferido ...<br \/><div class=\"pt-cv-rmwrap\"><a href=\"https:\/\/www.dmsjuridica.com\/buscador_20179478954\/corteconstitucionalcronologico202454587\/t-1203-00\/\" class=\"_self pt-cv-readmore btn btn-success\" target=\"_self\">Ver Sentencia Completa...<\/a><\/div><\/div><\/div><\/div>\n<div class=\"col-md-12 col-sm-12 col-xs-12 pt-cv-content-item pt-cv-1-col\" ><div class='pt-cv-ifield'><a href=\"https:\/\/www.dmsjuridica.com\/buscador_20179478954\/corteconstitucionalcronologico202454587\/t-1202-00\/\" class=\"_self pt-cv-href-thumbnail pt-cv-thumb-default\" target=\"_self\" ><\/a>\n<div class=\"pt-cv-taxoterm above_title\"><a href='https:\/\/www.dmsjuridica.com\/buscador_20179478954\/corteconstitucionalcronologico202454587\/category\/buscar-en-toda-la-corte\/2000\/tutelas-2000\/' title='Tutelas 2000' class='pt-cv-tax-tutelas-2000'>Tutelas 2000<\/a><\/div>\n<h4 class=\"pt-cv-title\"><a href=\"https:\/\/www.dmsjuridica.com\/buscador_20179478954\/corteconstitucionalcronologico202454587\/t-1202-00\/\" class=\"_self\" target=\"_self\" >T-1202-00<\/a><\/h4>\n<div class=\"pt-cv-content\">\u00a0 \u00a0 Sentencia T-1202\/00 \u00a0 DERECHO A LA INFORMACION-Alcance \u00a0 DERECHO A LA INFORMACION-Veraz e imparcial \u00a0 DERECHO AL BUEN NOMBRE Y A LA HONRA-Rectificaci\u00f3n de informaci\u00f3n \u00a0 LIBERTAD DE EXPRESION E INFORMACION-L\u00edmites y restricciones \u00a0 LIBERTAD DE PENSAMIENTO Y DE CONCIENCIA-Naturaleza \u00a0 En la misma l\u00ednea de la libertad de pensamiento y de conciencia, la opini\u00f3n posee una naturaleza ideol\u00f3gica inherente a la persona que lo emite. Evidentemente, la opini\u00f3n se entiende como la valoraci\u00f3n o interpretaci\u00f3n que una persona realiza sobre algo, sea ello un hecho f\u00e1ctico o un pensamiento subjetivo que haya previamente conocido de un modo ...<br \/><div class=\"pt-cv-rmwrap\"><a href=\"https:\/\/www.dmsjuridica.com\/buscador_20179478954\/corteconstitucionalcronologico202454587\/t-1202-00\/\" class=\"_self pt-cv-readmore btn btn-success\" target=\"_self\">Ver Sentencia Completa...<\/a><\/div><\/div><\/div><\/div>\n<div class=\"col-md-12 col-sm-12 col-xs-12 pt-cv-content-item pt-cv-1-col\" ><div class='pt-cv-ifield'><a href=\"https:\/\/www.dmsjuridica.com\/buscador_20179478954\/corteconstitucionalcronologico202454587\/t-1201-00\/\" class=\"_self pt-cv-href-thumbnail pt-cv-thumb-default\" target=\"_self\" ><\/a>\n<div class=\"pt-cv-taxoterm above_title\"><a href='https:\/\/www.dmsjuridica.com\/buscador_20179478954\/corteconstitucionalcronologico202454587\/category\/buscar-en-toda-la-corte\/2000\/tutelas-2000\/' title='Tutelas 2000' class='pt-cv-tax-tutelas-2000'>Tutelas 2000<\/a><\/div>\n<h4 class=\"pt-cv-title\"><a href=\"https:\/\/www.dmsjuridica.com\/buscador_20179478954\/corteconstitucionalcronologico202454587\/t-1201-00\/\" class=\"_self\" target=\"_self\" >T-1201-00<\/a><\/h4>\n<div class=\"pt-cv-content\">\u00a0 \u00a0 Sentencia T-1201\/00 \u00a0 ACCION DE TUTELA-Improcedencia contra actos de car\u00e1cter general, impersonal y abstracto \u00a0 ACCION DE TUTELA-Improcedencia para pronunciarse sobre inconstitucionalidad de norma \u00a0 Referencia: expediente T-329.947 \u00a0 Acci\u00f3n de tutela instaurada por Alix Mar\u00eda Archila Herrera contra el Presidente de la Rep\u00fablica y los Ministros de Hacienda y Salud. \u00a0 Magistrado Ponente:\u00a0 \u00a0 Dr. ALFREDO BELTR\u00c1N SIERRA. \u00a0 Bogot\u00e1, D.C., a \u00a0los catorce (14) d\u00edas del mes de septiembre del a\u00f1o dos mil (2.000). \u00a0 La Sala Segunda de Revisi\u00f3n de la Corte Constitucional, en ejercicio de sus competencias constitucionales y legales, ha proferido la siguiente\u00a0 ...<br \/><div class=\"pt-cv-rmwrap\"><a href=\"https:\/\/www.dmsjuridica.com\/buscador_20179478954\/corteconstitucionalcronologico202454587\/t-1201-00\/\" class=\"_self pt-cv-readmore btn btn-success\" target=\"_self\">Ver Sentencia Completa...<\/a><\/div><\/div><\/div><\/div>\n<div class=\"col-md-12 col-sm-12 col-xs-12 pt-cv-content-item pt-cv-1-col\" ><div class='pt-cv-ifield'><a href=\"https:\/\/www.dmsjuridica.com\/buscador_20179478954\/corteconstitucionalcronologico202454587\/t-1200-00\/\" class=\"_self pt-cv-href-thumbnail pt-cv-thumb-default\" target=\"_self\" ><\/a>\n<div class=\"pt-cv-taxoterm above_title\"><a href='https:\/\/www.dmsjuridica.com\/buscador_20179478954\/corteconstitucionalcronologico202454587\/category\/buscar-en-toda-la-corte\/2000\/tutelas-2000\/' title='Tutelas 2000' class='pt-cv-tax-tutelas-2000'>Tutelas 2000<\/a><\/div>\n<h4 class=\"pt-cv-title\"><a href=\"https:\/\/www.dmsjuridica.com\/buscador_20179478954\/corteconstitucionalcronologico202454587\/t-1200-00\/\" class=\"_self\" target=\"_self\" >T-1200-00<\/a><\/h4>\n<div class=\"pt-cv-content\">\u00a0 \u00a0 Sentencia T-1200\/00 \u00a0 SEGURO SOCIAL-Informaci\u00f3n sobre turnos de cirug\u00eda que no tienen car\u00e1cter urgente \u00a0 ACCION DE TUTELA-Hecho superado \u00a0 Referencia: expediente T-332.314 \u00a0 Acci\u00f3n de tutela instaurada por Joaqu\u00edn Pablo Ram\u00edrez Rodr\u00edguez contra el Instituto de Seguro Social, EPS, seccional Cundinamarca. \u00a0 Magistrado Ponente: \u00a0 Dr. ALFREDO BELTR\u00c1N SIERRA. \u00a0 Bogot\u00e1, D.C., a \u00a0los catorce (14) d\u00edas del mes de septiembre del a\u00f1o dos mil (2.000). \u00a0 La Sala Segunda de Revisi\u00f3n de la Corte Constitucional, integrada por los Magistrados Alfredo Beltr\u00e1n Sierra, Eduardo Cifuentes Mu\u00f1oz y Carlos Gaviria D\u00edaz, en ejercicio de sus competencias constitucionales y ...<br \/><div class=\"pt-cv-rmwrap\"><a href=\"https:\/\/www.dmsjuridica.com\/buscador_20179478954\/corteconstitucionalcronologico202454587\/t-1200-00\/\" class=\"_self pt-cv-readmore btn btn-success\" target=\"_self\">Ver Sentencia Completa...<\/a><\/div><\/div><\/div><\/div>\n<div class=\"col-md-12 col-sm-12 col-xs-12 pt-cv-content-item pt-cv-1-col\" ><div class='pt-cv-ifield'><a href=\"https:\/\/www.dmsjuridica.com\/buscador_20179478954\/corteconstitucionalcronologico202454587\/t-120-00\/\" class=\"_self pt-cv-href-thumbnail pt-cv-thumb-default\" target=\"_self\" ><\/a>\n<div class=\"pt-cv-taxoterm above_title\"><a href='https:\/\/www.dmsjuridica.com\/buscador_20179478954\/corteconstitucionalcronologico202454587\/category\/buscar-en-toda-la-corte\/2000\/tutelas-2000\/' title='Tutelas 2000' class='pt-cv-tax-tutelas-2000'>Tutelas 2000<\/a><\/div>\n<h4 class=\"pt-cv-title\"><a href=\"https:\/\/www.dmsjuridica.com\/buscador_20179478954\/corteconstitucionalcronologico202454587\/t-120-00\/\" class=\"_self\" target=\"_self\" >T-120-00<\/a><\/h4>\n<div class=\"pt-cv-content\">\u00a0 \u00a0 Sentencia T-120\/00 \u00a0 DERECHO A LA SEGURIDAD SOCIAL-Fundamental por conexidad\/DERECHO A LA SEGURIDAD SOCIAL-Configuraci\u00f3n de hip\u00f3tesis para procedencia de tutela \u00a0 La jurisprudencia de esta Corporaci\u00f3n ha precisado que el derecho a la seguridad social no reviste, en principio, el car\u00e1cter de derecho fundamental, salvo cuando est\u00e1 inescindiblemente asociado a un derecho que s\u00ed tenga esta naturaleza. Para que proceda el amparo que ofrece la acci\u00f3n de tutela es necesario que en raz\u00f3n del desconocimiento del derecho a la seguridad social, se est\u00e9, adem\u00e1s, poniendo en riesgo o amenazando derechos como la dignidad humana, la integridad personal o ...<br \/><div class=\"pt-cv-rmwrap\"><a href=\"https:\/\/www.dmsjuridica.com\/buscador_20179478954\/corteconstitucionalcronologico202454587\/t-120-00\/\" class=\"_self pt-cv-readmore btn btn-success\" target=\"_self\">Ver Sentencia Completa...<\/a><\/div><\/div><\/div><\/div>\n<div class=\"col-md-12 col-sm-12 col-xs-12 pt-cv-content-item pt-cv-1-col\" ><div class='pt-cv-ifield'><a href=\"https:\/\/www.dmsjuridica.com\/buscador_20179478954\/corteconstitucionalcronologico202454587\/t-1199-00\/\" class=\"_self pt-cv-href-thumbnail pt-cv-thumb-default\" target=\"_self\" ><\/a>\n<div class=\"pt-cv-taxoterm above_title\"><a href='https:\/\/www.dmsjuridica.com\/buscador_20179478954\/corteconstitucionalcronologico202454587\/category\/buscar-en-toda-la-corte\/2000\/tutelas-2000\/' title='Tutelas 2000' class='pt-cv-tax-tutelas-2000'>Tutelas 2000<\/a><\/div>\n<h4 class=\"pt-cv-title\"><a href=\"https:\/\/www.dmsjuridica.com\/buscador_20179478954\/corteconstitucionalcronologico202454587\/t-1199-00\/\" class=\"_self\" target=\"_self\" >T-1199-00<\/a><\/h4>\n<div class=\"pt-cv-content\">\u00a0 \u00a0 Sentencia T-1199\/00 \u00a0 MEDIO DE DEFENSA JUDICIAL-Determinaci\u00f3n propiedad sobre inmueble\/ACCION DE TUTELA-Inexistencia de perjuicio irremediable \u00a0 Referencia: expediente T-316.821 \u00a0 Acci\u00f3n de tutela instaurada por Cesar Augusto Soto Moncada contra la Direcci\u00f3n de Impuestos Distritales. \u00a0 Magistrado Ponente: \u00a0 Dr. ALFREDO BELTR\u00c1N SIERRA. \u00a0 Bogot\u00e1, D.C., a \u00a0los catorce (14) d\u00edas del mes de septiembre del a\u00f1o dos mil (2.000). \u00a0 La Sala Segunda de Revisi\u00f3n de la Corte Constitucional, integrada por los Magistrados Alfredo Beltr\u00e1n Sierra, Eduardo Cifuentes Mu\u00f1oz y Carlos Gaviria D\u00edaz, en ejercicio de sus competencias constitucionales y legales, ha proferido la siguiente\u00a0 \u00a0 SENTENCIA\u00a0 ...<br \/><div class=\"pt-cv-rmwrap\"><a href=\"https:\/\/www.dmsjuridica.com\/buscador_20179478954\/corteconstitucionalcronologico202454587\/t-1199-00\/\" class=\"_self pt-cv-readmore btn btn-success\" target=\"_self\">Ver Sentencia Completa...<\/a><\/div><\/div><\/div><\/div>\n<div class=\"col-md-12 col-sm-12 col-xs-12 pt-cv-content-item pt-cv-1-col\" ><div class='pt-cv-ifield'><a href=\"https:\/\/www.dmsjuridica.com\/buscador_20179478954\/corteconstitucionalcronologico202454587\/t-1198-00\/\" class=\"_self pt-cv-href-thumbnail pt-cv-thumb-default\" target=\"_self\" ><\/a>\n<div class=\"pt-cv-taxoterm above_title\"><a href='https:\/\/www.dmsjuridica.com\/buscador_20179478954\/corteconstitucionalcronologico202454587\/category\/buscar-en-toda-la-corte\/2000\/tutelas-2000\/' title='Tutelas 2000' class='pt-cv-tax-tutelas-2000'>Tutelas 2000<\/a><\/div>\n<h4 class=\"pt-cv-title\"><a href=\"https:\/\/www.dmsjuridica.com\/buscador_20179478954\/corteconstitucionalcronologico202454587\/t-1198-00\/\" class=\"_self\" target=\"_self\" >T-1198-00<\/a><\/h4>\n<div class=\"pt-cv-content\">\u00a0 \u00a0 Sentencia T-1198\/00 \u00a0 LEGITIMACION POR ACTIVA EN TUTELA-Alcance \u00a0 DERECHO A LA IGUALDAD EN CONVENCION COLECTIVA-Protecci\u00f3n de derechos constitucionales de minor\u00eda \u00a0 CONVENCION COLECTIVA-Protecci\u00f3n constitucional \u00a0 Referencia: expediente T-330708 \u00a0 Peticionario: \u00a0Francisco Mosquera y otros. \u00a0 Magistrado Ponente:\u00a0 \u00a0 Dr. ALFREDO BELTR\u00c1N SIERRA. \u00a0 Bogot\u00e1, D.C., septiembre catorce (14) de dos mil (2000). \u00a0 La Sala Segunda de Revisi\u00f3n de la Corte Constitucional, integrada por los magistrados, Alfredo Beltr\u00e1n Sierra y Carlos Gaviria D\u00edaz, en ejercicio de sus competencias constitucionales y legales, ha proferido la siguiente : \u00a0 SENTENCIA \u00a0 El expediente lleg\u00f3 a la Corte Constitucional, por ...<br \/><div class=\"pt-cv-rmwrap\"><a href=\"https:\/\/www.dmsjuridica.com\/buscador_20179478954\/corteconstitucionalcronologico202454587\/t-1198-00\/\" class=\"_self pt-cv-readmore btn btn-success\" target=\"_self\">Ver Sentencia Completa...<\/a><\/div><\/div><\/div><\/div>\n<div class=\"col-md-12 col-sm-12 col-xs-12 pt-cv-content-item pt-cv-1-col\" ><div class='pt-cv-ifield'><a href=\"https:\/\/www.dmsjuridica.com\/buscador_20179478954\/corteconstitucionalcronologico202454587\/t-1197-00\/\" class=\"_self pt-cv-href-thumbnail pt-cv-thumb-default\" target=\"_self\" ><\/a>\n<div class=\"pt-cv-taxoterm above_title\"><a href='https:\/\/www.dmsjuridica.com\/buscador_20179478954\/corteconstitucionalcronologico202454587\/category\/buscar-en-toda-la-corte\/2000\/tutelas-2000\/' title='Tutelas 2000' class='pt-cv-tax-tutelas-2000'>Tutelas 2000<\/a><\/div>\n<h4 class=\"pt-cv-title\"><a href=\"https:\/\/www.dmsjuridica.com\/buscador_20179478954\/corteconstitucionalcronologico202454587\/t-1197-00\/\" class=\"_self\" target=\"_self\" >T-1197-00<\/a><\/h4>\n<div class=\"pt-cv-content\">\u00a0 \u00a0 Sentencia T-1197\/00 \u00a0 ACCION DE TUTELA-Procedencia excepcional pago de acreencias laborales \u00a0 DERECHO AL MINIMO VITAL DEL TRABAJADOR-Pago oportuno de salarios \u00a0 EMPLEADOR-Pago de aportes en salud \u00a0 Referencia: expediente T-331313 \u00a0 Peticionario: William Ignacio Espinosa Castillo \u00a0 \u00a0Magistrado Ponente:\u00a0 \u00a0 Dr. ALFREDO BELTR\u00c1N SIERRA. \u00a0 Bogot\u00e1, D.C., septiembre catorce (14) de dos mil (2000). \u00a0 La Sala Segunda de Revisi\u00f3n de la Corte Constitucional, integrada por los magistrados, Alfredo Beltr\u00e1n Sierra, Carlos Gaviria D\u00edaz y Martha S\u00e1chica de Moncaleano (e), en ejercicio de sus competencias constitucionales y legales, ha proferido la siguiente : \u00a0 SENTENCIA \u00a0 El ...<br \/><div class=\"pt-cv-rmwrap\"><a href=\"https:\/\/www.dmsjuridica.com\/buscador_20179478954\/corteconstitucionalcronologico202454587\/t-1197-00\/\" class=\"_self pt-cv-readmore btn btn-success\" target=\"_self\">Ver Sentencia Completa...<\/a><\/div><\/div><\/div><\/div>\n<div class=\"col-md-12 col-sm-12 col-xs-12 pt-cv-content-item pt-cv-1-col\" ><div class='pt-cv-ifield'><a href=\"https:\/\/www.dmsjuridica.com\/buscador_20179478954\/corteconstitucionalcronologico202454587\/t-1196-00\/\" class=\"_self pt-cv-href-thumbnail pt-cv-thumb-default\" target=\"_self\" ><\/a>\n<div class=\"pt-cv-taxoterm above_title\"><a href='https:\/\/www.dmsjuridica.com\/buscador_20179478954\/corteconstitucionalcronologico202454587\/category\/buscar-en-toda-la-corte\/2000\/tutelas-2000\/' title='Tutelas 2000' class='pt-cv-tax-tutelas-2000'>Tutelas 2000<\/a><\/div>\n<h4 class=\"pt-cv-title\"><a href=\"https:\/\/www.dmsjuridica.com\/buscador_20179478954\/corteconstitucionalcronologico202454587\/t-1196-00\/\" class=\"_self\" target=\"_self\" >T-1196-00<\/a><\/h4>\n<div class=\"pt-cv-content\">CREDITO HIPOTECARIO-Improcedencia de reliquidaci\u00f3n por finalizaci\u00f3n de proceso ejecutivo \u00a0 PERJUICIO IRREMEDIABLE-Inexistencia por adjudicaci\u00f3n del bien a entidad bancaria \u00a0 Referencia: expediente T-318.698 \u00a0 Acci\u00f3n de tutela de Alfonso Guti\u00e9rrez Manrique contra Banco Cafetero antes Concasa y Juzgados Quinto Civil del Circuito y \u00a0Octavo Civil Municipal de \u00a0Neiva.\u00a0 \u00a0 Procedencia: Corte Suprema de Justicia -Sala Laboral-. \u00a0 Magistrado Ponente:\u00a0 \u00a0 Dr. ALFREDO BELTR\u00c1N SIERRA \u00a0 Sentencia aprobada en Bogot\u00e1, D.C., en sesi\u00f3n del catorce (14) de septiembre del a\u00f1o dos mil (2000).\u00a0 \u00a0 La Sala Segunda de Revisi\u00f3n de la Corte Constitucional, integrada por los magistrados Alfredo Beltr\u00e1n Sierra, Carlos ...<br \/><div class=\"pt-cv-rmwrap\"><a href=\"https:\/\/www.dmsjuridica.com\/buscador_20179478954\/corteconstitucionalcronologico202454587\/t-1196-00\/\" class=\"_self pt-cv-readmore btn btn-success\" target=\"_self\">Ver Sentencia Completa...<\/a><\/div><\/div><\/div><\/div>\n<div class=\"col-md-12 col-sm-12 col-xs-12 pt-cv-content-item pt-cv-1-col\" ><div class='pt-cv-ifield'><a href=\"https:\/\/www.dmsjuridica.com\/buscador_20179478954\/corteconstitucionalcronologico202454587\/t-119-00\/\" class=\"_self pt-cv-href-thumbnail pt-cv-thumb-default\" target=\"_self\" ><\/a>\n<div class=\"pt-cv-taxoterm above_title\"><a href='https:\/\/www.dmsjuridica.com\/buscador_20179478954\/corteconstitucionalcronologico202454587\/category\/buscar-en-toda-la-corte\/2000\/tutelas-2000\/' title='Tutelas 2000' class='pt-cv-tax-tutelas-2000'>Tutelas 2000<\/a><\/div>\n<h4 class=\"pt-cv-title\"><a href=\"https:\/\/www.dmsjuridica.com\/buscador_20179478954\/corteconstitucionalcronologico202454587\/t-119-00\/\" class=\"_self\" target=\"_self\" >T-119-00<\/a><\/h4>\n<div class=\"pt-cv-content\">\u00a0 \u00a0 Sentencia T-119\/00 \u00a0 DERECHO A LA VIDA DIGNA-No puede oponerse exclusiones legales de tratamientos y procedimientos m\u00e9dicos o quir\u00fargicos \u00a0 PLAN OBLIGATORIO DE SALUD-Exclusi\u00f3n de cirug\u00edas est\u00e9ticas o cosm\u00e9ticas \u00a0 ENTIDAD PROMOTORA DE SALUD Y JUEZ DE TUTELA-Establecimiento de car\u00e1cter est\u00e9tico o cosm\u00e9tico de cirug\u00eda requerida\/DERECHO A LA SALUD-Necesidad de cirug\u00eda que no tiene principalmente fines est\u00e9ticos \u00a0 En cada caso particular deber\u00e1 establecerse por las entidades encargadas de prestar los correspondientes servicios y por el juez constitucional si la intervenci\u00f3n quir\u00fargica que requiere el afiliado o beneficiario tiene realmente el car\u00e1cter est\u00e9tico o cosm\u00e9tico, o si, por ...<br \/><div class=\"pt-cv-rmwrap\"><a href=\"https:\/\/www.dmsjuridica.com\/buscador_20179478954\/corteconstitucionalcronologico202454587\/t-119-00\/\" class=\"_self pt-cv-readmore btn btn-success\" target=\"_self\">Ver Sentencia Completa...<\/a><\/div><\/div><\/div><\/div>\n<div class=\"col-md-12 col-sm-12 col-xs-12 pt-cv-content-item pt-cv-1-col\" ><div class='pt-cv-ifield'><a href=\"https:\/\/www.dmsjuridica.com\/buscador_20179478954\/corteconstitucionalcronologico202454587\/t-1181-00\/\" class=\"_self pt-cv-href-thumbnail pt-cv-thumb-default\" target=\"_self\" ><\/a>\n<div class=\"pt-cv-taxoterm above_title\"><a href='https:\/\/www.dmsjuridica.com\/buscador_20179478954\/corteconstitucionalcronologico202454587\/category\/buscar-en-toda-la-corte\/2000\/tutelas-2000\/' title='Tutelas 2000' class='pt-cv-tax-tutelas-2000'>Tutelas 2000<\/a><\/div>\n<h4 class=\"pt-cv-title\"><a href=\"https:\/\/www.dmsjuridica.com\/buscador_20179478954\/corteconstitucionalcronologico202454587\/t-1181-00\/\" class=\"_self\" target=\"_self\" >T-1181-00<\/a><\/h4>\n<div class=\"pt-cv-content\">\u00a0 \u00a0 Sentencia T-1181\/00 \u00a0 DERECHO A LA SALUD-No transferencia de aportes por empleador para seguridad social \u00a0 EMPLEADOR-Asunci\u00f3n de responsabilidad por mora en aportes en seguridad social \u00a0 ACCION DE TUTELA-Demostraci\u00f3n de amenaza o vulneraci\u00f3n de derechos fundamentales\/JUEZ DE TUTELA-Pr\u00e1ctica de pruebas de oficio \u00a0 ACCION DE TUTELA TRANSITORIA DEL DERECHO A LA ESTABILIDAD LABORAL REFORZADA DE MUJER EMBARAZADA-Elementos f\u00e1cticos que deben demostrarse \u00a0 MUJER EMBARAZADA-Protecci\u00f3n constitucional especial \u00a0 COSA JUZGADA CONSTITUCIONAL-Alcance \u00a0 Referencia: expediente T-264130 \u00a0 Acci\u00f3n de tutela incoada por M\u00f3nica Patricia Montero Castilla contra \"Gesti\u00f3n Total Limitada\". \u00a0 Magistrado Ponente: \u00a0 Dr. JOS\u00c9 GREGORIO HERN\u00c1NDEZ GALINDO\u00a0 ...<br \/><div class=\"pt-cv-rmwrap\"><a href=\"https:\/\/www.dmsjuridica.com\/buscador_20179478954\/corteconstitucionalcronologico202454587\/t-1181-00\/\" class=\"_self pt-cv-readmore btn btn-success\" target=\"_self\">Ver Sentencia Completa...<\/a><\/div><\/div><\/div><\/div>\n<div class=\"col-md-12 col-sm-12 col-xs-12 pt-cv-content-item pt-cv-1-col\" ><div class='pt-cv-ifield'><a href=\"https:\/\/www.dmsjuridica.com\/buscador_20179478954\/corteconstitucionalcronologico202454587\/t-118-00\/\" class=\"_self pt-cv-href-thumbnail pt-cv-thumb-default\" target=\"_self\" ><\/a>\n<div class=\"pt-cv-taxoterm above_title\"><a href='https:\/\/www.dmsjuridica.com\/buscador_20179478954\/corteconstitucionalcronologico202454587\/category\/buscar-en-toda-la-corte\/2000\/tutelas-2000\/' title='Tutelas 2000' class='pt-cv-tax-tutelas-2000'>Tutelas 2000<\/a><\/div>\n<h4 class=\"pt-cv-title\"><a href=\"https:\/\/www.dmsjuridica.com\/buscador_20179478954\/corteconstitucionalcronologico202454587\/t-118-00\/\" class=\"_self\" target=\"_self\" >T-118-00<\/a><\/h4>\n<div class=\"pt-cv-content\">\u00a0 \u00a0 Sentencia T-118\/00 \u00a0 ACCION DE TUTELA CONTRA PARTICULARES-Procedencia excepcional \u00a0 ACCION DE TUTELA CONTRA COMPA\u00d1IA DE SEGUROS DE VIDA-Ostensible indefensi\u00f3n \u00a0 ACCION DE TUTELA CONTRA COMPA\u00d1IA DE SEGUROS-Procedencia de tutela por afectaci\u00f3n de derechos fundamentales \u00a0 ENTIDAD PROMOTORA DE SALUD-No aplicaci\u00f3n de preexistencias \u00a0 CONTRATO DE MEDICINA PREPAGADA-Exclusi\u00f3n de preexistencias previa, expresa y taxativamente \u00a0 EMPRESA DE MEDICINA PREPAGADA-Examen de ingreso completo, riguroso y previo a la vinculaci\u00f3n del usuario \u00a0 COMPA\u00d1IA DE SEGUROS-No puede deducir a posteriori una preexistencia \u00a0 Esta Sala no tiene duda acerca de que la compa\u00f1\u00eda de seguros no puede deducir \u00a0a posteriori ...<br \/><div class=\"pt-cv-rmwrap\"><a href=\"https:\/\/www.dmsjuridica.com\/buscador_20179478954\/corteconstitucionalcronologico202454587\/t-118-00\/\" class=\"_self pt-cv-readmore btn btn-success\" target=\"_self\">Ver Sentencia Completa...<\/a><\/div><\/div><\/div><\/div>\n<div class=\"col-md-12 col-sm-12 col-xs-12 pt-cv-content-item pt-cv-1-col\" ><div class='pt-cv-ifield'><a href=\"https:\/\/www.dmsjuridica.com\/buscador_20179478954\/corteconstitucionalcronologico202454587\/t-1179-00\/\" class=\"_self pt-cv-href-thumbnail pt-cv-thumb-default\" target=\"_self\" ><\/a>\n<div class=\"pt-cv-taxoterm above_title\"><a href='https:\/\/www.dmsjuridica.com\/buscador_20179478954\/corteconstitucionalcronologico202454587\/category\/buscar-en-toda-la-corte\/2000\/tutelas-2000\/' title='Tutelas 2000' class='pt-cv-tax-tutelas-2000'>Tutelas 2000<\/a><\/div>\n<h4 class=\"pt-cv-title\"><a href=\"https:\/\/www.dmsjuridica.com\/buscador_20179478954\/corteconstitucionalcronologico202454587\/t-1179-00\/\" class=\"_self\" target=\"_self\" >T-1179-00<\/a><\/h4>\n<div class=\"pt-cv-content\">\u00a0 \u00a0 Sentencia T-1179\/00 \u00a0 LEGITIMACION POR ACTIVA EN TUTELA-Alcance \u00a0 La titularidad para el ejercicio de la acci\u00f3n de tutela, como requisito de procedibilidad de la acci\u00f3n, con arreglo al art\u00edculo 86 de la Carta Pol\u00edtica, se encuentra en cabeza de toda persona cuyos derechos fundamentales hayan sido vulnerados o amenazados, por la acci\u00f3n u omisi\u00f3n de cualquier autoridad p\u00fablica o por los particulares en los casos que la ley establece, pudiendo solicitar el amparo de manera directa o a trav\u00e9s de representante, con el fin de alcanzar la protecci\u00f3n inmediata de los mismos. Frente a esta titularidad, el ...<br \/><div class=\"pt-cv-rmwrap\"><a href=\"https:\/\/www.dmsjuridica.com\/buscador_20179478954\/corteconstitucionalcronologico202454587\/t-1179-00\/\" class=\"_self pt-cv-readmore btn btn-success\" target=\"_self\">Ver Sentencia Completa...<\/a><\/div><\/div><\/div><\/div>\n<div class=\"col-md-12 col-sm-12 col-xs-12 pt-cv-content-item pt-cv-1-col\" ><div class='pt-cv-ifield'><a href=\"https:\/\/www.dmsjuridica.com\/buscador_20179478954\/corteconstitucionalcronologico202454587\/t-1178-00\/\" class=\"_self pt-cv-href-thumbnail pt-cv-thumb-default\" target=\"_self\" ><\/a>\n<div class=\"pt-cv-taxoterm above_title\"><a href='https:\/\/www.dmsjuridica.com\/buscador_20179478954\/corteconstitucionalcronologico202454587\/category\/buscar-en-toda-la-corte\/2000\/tutelas-2000\/' title='Tutelas 2000' class='pt-cv-tax-tutelas-2000'>Tutelas 2000<\/a><\/div>\n<h4 class=\"pt-cv-title\"><a href=\"https:\/\/www.dmsjuridica.com\/buscador_20179478954\/corteconstitucionalcronologico202454587\/t-1178-00\/\" class=\"_self\" target=\"_self\" >T-1178-00<\/a><\/h4>\n<div class=\"pt-cv-content\">\u00a0 \u00a0 Sentencia T-1178\/00 \u00a0 ACCION DE TUTELA-Procedencia excepcional pago de acreencias laborales \u00a0 DERECHO AL MINIMO VITAL DEL TRABAJADOR-Pago oportuno de salarios \u00a0 EMPLEADOR-Situaci\u00f3n econ\u00f3mica o presupuestal no es \u00f3bice para desconocer pago de obligaciones laborales \u00a0 Referencia: expediente T-330305 \u00a0 Acci\u00f3n de tutela instaurada por Fabiola Toledo Pradilla contra el Hospital San Rafael de Barrancabermeja. \u00a0 Magistrado Ponente: \u00a0 Dr. ANTONIO BARRERA CARBONELL \u00a0 Bogot\u00e1, D.C., septiembre doce (12) de dos mil (2000). \u00a0 La Sala Primera de Revisi\u00f3n de la Corte Constitucional, integrada por los Magistrados Antonio Barrera Carbonell, Alfredo Beltr\u00e1n Sierra y Martha S\u00e1chica de Moncaleano, ...<br \/><div class=\"pt-cv-rmwrap\"><a href=\"https:\/\/www.dmsjuridica.com\/buscador_20179478954\/corteconstitucionalcronologico202454587\/t-1178-00\/\" class=\"_self pt-cv-readmore btn btn-success\" target=\"_self\">Ver Sentencia Completa...<\/a><\/div><\/div><\/div><\/div>\n<div class=\"col-md-12 col-sm-12 col-xs-12 pt-cv-content-item pt-cv-1-col\" ><div class='pt-cv-ifield'><a href=\"https:\/\/www.dmsjuridica.com\/buscador_20179478954\/corteconstitucionalcronologico202454587\/t-1177-00\/\" class=\"_self pt-cv-href-thumbnail pt-cv-thumb-default\" target=\"_self\" ><\/a>\n<div class=\"pt-cv-taxoterm above_title\"><a href='https:\/\/www.dmsjuridica.com\/buscador_20179478954\/corteconstitucionalcronologico202454587\/category\/buscar-en-toda-la-corte\/2000\/tutelas-2000\/' title='Tutelas 2000' class='pt-cv-tax-tutelas-2000'>Tutelas 2000<\/a><\/div>\n<h4 class=\"pt-cv-title\"><a href=\"https:\/\/www.dmsjuridica.com\/buscador_20179478954\/corteconstitucionalcronologico202454587\/t-1177-00\/\" class=\"_self\" target=\"_self\" >T-1177-00<\/a><\/h4>\n<div class=\"pt-cv-content\">\u00a0 \u00a0 Sentencia T-1177\/00 \u00a0 SERVICIO MILITAR-Atenci\u00f3n m\u00e9dica de quien adquiere enfermedad durante su prestaci\u00f3n\/DERECHO A LA SALUD-Continuaci\u00f3n atenci\u00f3n m\u00e9dica por adquirir incapacidad durante servicio militar \u00a0 Referencia: expediente: T-327155 \u00a0 Acci\u00f3n de tutela instaurada por Luis Hernando Berm\u00fadez Ossa contra la Direcci\u00f3n de Sanidad del Ej\u00e9rcito Nacional. \u00a0 Magistrado Ponente: \u00a0 Dr. ANTONIO BARRERA CARBONELL \u00a0 Bogot\u00e1, D.C., septiembre doce (12) de dos mil (2000). \u00a0 La Sala Primera de Revisi\u00f3n de la Corte Constitucional, integrada por los magistrados Antonio Barrera Carbonell, Alfredo Beltr\u00e1n Sierra y Martha S\u00e1chica de Moncaleano, en ejercicio de sus competencias constitucionales y legales, ha ...<br \/><div class=\"pt-cv-rmwrap\"><a href=\"https:\/\/www.dmsjuridica.com\/buscador_20179478954\/corteconstitucionalcronologico202454587\/t-1177-00\/\" class=\"_self pt-cv-readmore btn btn-success\" target=\"_self\">Ver Sentencia Completa...<\/a><\/div><\/div><\/div><\/div>\n<div class=\"col-md-12 col-sm-12 col-xs-12 pt-cv-content-item pt-cv-1-col\" ><div class='pt-cv-ifield'><a href=\"https:\/\/www.dmsjuridica.com\/buscador_20179478954\/corteconstitucionalcronologico202454587\/t-1176-00\/\" class=\"_self pt-cv-href-thumbnail pt-cv-thumb-default\" target=\"_self\" ><\/a>\n<div class=\"pt-cv-taxoterm above_title\"><a href='https:\/\/www.dmsjuridica.com\/buscador_20179478954\/corteconstitucionalcronologico202454587\/category\/buscar-en-toda-la-corte\/2000\/tutelas-2000\/' title='Tutelas 2000' class='pt-cv-tax-tutelas-2000'>Tutelas 2000<\/a><\/div>\n<h4 class=\"pt-cv-title\"><a href=\"https:\/\/www.dmsjuridica.com\/buscador_20179478954\/corteconstitucionalcronologico202454587\/t-1176-00\/\" class=\"_self\" target=\"_self\" >T-1176-00<\/a><\/h4>\n<div class=\"pt-cv-content\">\u00a0 \u00a0 Sentencia T-1176\/00 \u00a0 DERECHO A LA SALUD-Fundamental por conexidad con la vida \u00a0 PLAN OBLIGATORIO DE SALUD-Cubrimiento de ex\u00e1menes excluidos \u00a0 ENTIDAD PROMOTORA DE SALUD-Repetici\u00f3n contra el FOSYGA \u00a0 Referencia: expediente T-312458 \u00a0 Procedencia: Juzgado Octavo Civil del Circuito de Bogot\u00e1.\u00a0 \u00a0 \u00a0 \u00a0 Actor: Mar\u00eda Cecilia Mu\u00f1oz Pach\u00f3n. \u00a0 Magistrado Ponente: \u00a0 Dr. ALEJANDRO MARTINEZ CABALLERO \u00a0 Bogot\u00e1, D.C., once (11) de septiembre de dos mil (2.000). \u00a0 La Sala Sexta de Revisi\u00f3n de la Corte Constitucional, integrada por los Magistrados doctores Alejandro Mart\u00ednez Caballero, Fabio Mor\u00f3n D\u00edaz y Vladimiro Naranjo Mesa, en ejercicio de sus competencias ...<br \/><div class=\"pt-cv-rmwrap\"><a href=\"https:\/\/www.dmsjuridica.com\/buscador_20179478954\/corteconstitucionalcronologico202454587\/t-1176-00\/\" class=\"_self pt-cv-readmore btn btn-success\" target=\"_self\">Ver Sentencia Completa...<\/a><\/div><\/div><\/div><\/div>\n<div class=\"col-md-12 col-sm-12 col-xs-12 pt-cv-content-item pt-cv-1-col\" ><div class='pt-cv-ifield'><a href=\"https:\/\/www.dmsjuridica.com\/buscador_20179478954\/corteconstitucionalcronologico202454587\/t-1175-00\/\" class=\"_self pt-cv-href-thumbnail pt-cv-thumb-default\" target=\"_self\" ><\/a>\n<div class=\"pt-cv-taxoterm above_title\"><a href='https:\/\/www.dmsjuridica.com\/buscador_20179478954\/corteconstitucionalcronologico202454587\/category\/buscar-en-toda-la-corte\/2000\/tutelas-2000\/' title='Tutelas 2000' class='pt-cv-tax-tutelas-2000'>Tutelas 2000<\/a><\/div>\n<h4 class=\"pt-cv-title\"><a href=\"https:\/\/www.dmsjuridica.com\/buscador_20179478954\/corteconstitucionalcronologico202454587\/t-1175-00\/\" class=\"_self\" target=\"_self\" >T-1175-00<\/a><\/h4>\n<div class=\"pt-cv-content\">\u00a0 \u00a0 Sentencia T-1175\/00 \u00a0 DERECHO DE PETICION-Pronta resoluci\u00f3n\/DERECHOS DE PETICION EN VIA GUBERNATIVA-Recursos de reposici\u00f3n y apelaci\u00f3n \u00a0 Referencia: expediente T- 316.939 \u00a0 Magistrado Ponente:\u00a0 \u00a0 Dr. ALEJANDRO MART\u00cdNEZ CABALLERO \u00a0 Bogot\u00e1, siete (7) de septiembre de dos mil (2000) \u00a0 I. ANTECEDENTES \u00a0 1. Hechos\u00a0 \u00a0 - La Regional Valle del Cauca del Ministerio del Trabajo expidi\u00f3 la Resoluci\u00f3n 0359 del 14 de octubre de 1999, \u201cpor medio de la cual se suspende el estudio de la petici\u00f3n de reajuste de sueldo, prestaciones sociales y pensi\u00f3n y se niega nivelaci\u00f3n de pensi\u00f3n de jubilaci\u00f3n\u201d. \u00a0 - El 5 ...<br \/><div class=\"pt-cv-rmwrap\"><a href=\"https:\/\/www.dmsjuridica.com\/buscador_20179478954\/corteconstitucionalcronologico202454587\/t-1175-00\/\" class=\"_self pt-cv-readmore btn btn-success\" target=\"_self\">Ver Sentencia Completa...<\/a><\/div><\/div><\/div><\/div>\n<div class=\"col-md-12 col-sm-12 col-xs-12 pt-cv-content-item pt-cv-1-col\" ><div class='pt-cv-ifield'><a href=\"https:\/\/www.dmsjuridica.com\/buscador_20179478954\/corteconstitucionalcronologico202454587\/t-1174-00\/\" class=\"_self pt-cv-href-thumbnail pt-cv-thumb-default\" target=\"_self\" ><\/a>\n<div class=\"pt-cv-taxoterm above_title\"><a href='https:\/\/www.dmsjuridica.com\/buscador_20179478954\/corteconstitucionalcronologico202454587\/category\/buscar-en-toda-la-corte\/2000\/tutelas-2000\/' title='Tutelas 2000' class='pt-cv-tax-tutelas-2000'>Tutelas 2000<\/a><\/div>\n<h4 class=\"pt-cv-title\"><a href=\"https:\/\/www.dmsjuridica.com\/buscador_20179478954\/corteconstitucionalcronologico202454587\/t-1174-00\/\" class=\"_self\" target=\"_self\" >T-1174-00<\/a><\/h4>\n<div class=\"pt-cv-content\">\u00a0 \u00a0 Sentencia T-1174\/00 \u00a0 URGENCIAS EN ENFERMEDADES DE ALTO COSTO-Atenci\u00f3n inmediata sin tener en cuenta periodos m\u00ednimos de cotizaci\u00f3n \u00a0 DERECHO A LA VIDA DIGNA-Pr\u00e1ctica de cirug\u00eda de cadera sin cumplir periodo m\u00ednimo de ctoizaci\u00f3n \u00a0 ENTIDAD PROMOTORA DE SALUD-Repetici\u00f3n contra el FOSYGA \u00a0 Referencia: expediente T-307029 \u00a0 Procedencia: Juzgado 73 Penal Municipal de Bogot\u00e1 \u00a0 \u00a0 \u00a0 Actor: Jos\u00e9 Medelio Rojas Triana. \u00a0 Magistrado Ponente: \u00a0 Dr. ALEJANDRO MARTINEZ CABALLERO \u00a0 Bogot\u00e1, D.C., \u00a0siete (7) de septiembre de dos mil (2.000). \u00a0 La Sala Sexta de Revisi\u00f3n de la Corte Constitucional, integrada por los Magistrados doctores Alejandro Mart\u00ednez ...<br \/><div class=\"pt-cv-rmwrap\"><a href=\"https:\/\/www.dmsjuridica.com\/buscador_20179478954\/corteconstitucionalcronologico202454587\/t-1174-00\/\" class=\"_self pt-cv-readmore btn btn-success\" target=\"_self\">Ver Sentencia Completa...<\/a><\/div><\/div><\/div><\/div>\n<div class=\"col-md-12 col-sm-12 col-xs-12 pt-cv-content-item pt-cv-1-col\" ><div class='pt-cv-ifield'><a href=\"https:\/\/www.dmsjuridica.com\/buscador_20179478954\/corteconstitucionalcronologico202454587\/t-1173-00\/\" class=\"_self pt-cv-href-thumbnail pt-cv-thumb-default\" target=\"_self\" ><\/a>\n<div class=\"pt-cv-taxoterm above_title\"><a href='https:\/\/www.dmsjuridica.com\/buscador_20179478954\/corteconstitucionalcronologico202454587\/category\/buscar-en-toda-la-corte\/2000\/tutelas-2000\/' title='Tutelas 2000' class='pt-cv-tax-tutelas-2000'>Tutelas 2000<\/a><\/div>\n<h4 class=\"pt-cv-title\"><a href=\"https:\/\/www.dmsjuridica.com\/buscador_20179478954\/corteconstitucionalcronologico202454587\/t-1173-00\/\" class=\"_self\" target=\"_self\" >T-1173-00<\/a><\/h4>\n<div class=\"pt-cv-content\">\u00a0 \u00a0 Sentencia T-1173\/00 \u00a0 HOGARES COMUNITARIOS-V\u00ednculo contractual\/MADRE COMUNITARIA-V\u00ednculo contractual\/LICENCIA DE MATERNIDAD DE MADRES COMUNITARIAS-Improcedencia de pago por vinculaci\u00f3n a r\u00e9gimen subsidiado \u00a0 Referencia: expediente: T-320957 \u00a0 Acci\u00f3n de tutela instaurada por Alba Cecilia Z\u00fa\u00f1iga Cu\u00e9llar contra los Seguros Sociales Seccional Garz\u00f3n (Huila). \u00a0 Magistrado Ponente: \u00a0 Dr. ANTONIO BARRERA CARBONELL \u00a0 Bogot\u00e1, D.C., septiembre siete (7) de dos mil (2000). \u00a0 La Sala Primera de Revisi\u00f3n de la Corte Constitucional, integrada por los magistrados Antonio Barrera Carbonell, Alfredo Beltr\u00e1n Sierra y Martha S\u00e1chica de Moncaleano, en ejercicio de sus competencias constitucionales y legales, ha proferido la siguiente \u00a0 SENTENCIA ...<br \/><div class=\"pt-cv-rmwrap\"><a href=\"https:\/\/www.dmsjuridica.com\/buscador_20179478954\/corteconstitucionalcronologico202454587\/t-1173-00\/\" class=\"_self pt-cv-readmore btn btn-success\" target=\"_self\">Ver Sentencia Completa...<\/a><\/div><\/div><\/div><\/div>\n<div class=\"col-md-12 col-sm-12 col-xs-12 pt-cv-content-item pt-cv-1-col\" ><div class='pt-cv-ifield'><a href=\"https:\/\/www.dmsjuridica.com\/buscador_20179478954\/corteconstitucionalcronologico202454587\/t-1172-00\/\" class=\"_self pt-cv-href-thumbnail pt-cv-thumb-default\" target=\"_self\" ><\/a>\n<div class=\"pt-cv-taxoterm above_title\"><a href='https:\/\/www.dmsjuridica.com\/buscador_20179478954\/corteconstitucionalcronologico202454587\/category\/buscar-en-toda-la-corte\/2000\/tutelas-2000\/' title='Tutelas 2000' class='pt-cv-tax-tutelas-2000'>Tutelas 2000<\/a><\/div>\n<h4 class=\"pt-cv-title\"><a href=\"https:\/\/www.dmsjuridica.com\/buscador_20179478954\/corteconstitucionalcronologico202454587\/t-1172-00\/\" class=\"_self\" target=\"_self\" >T-1172-00<\/a><\/h4>\n<div class=\"pt-cv-content\">\u00a0 \u00a0 Sentencia T-1172\/00 \u00a0 ACCION DE TUTELA-Hecho superado \u00a0 Referencia: expediente: T-288846 \u00a0 Acci\u00f3n de tutela instaurada por Yohan Alberto Acevedo y Juan Pablo Quintero contra el Instituto Comercial Colombiano. \u00a0 Magistrado Ponente: \u00a0 Dr. ANTONIO BARRERA CARBONELL \u00a0 Bogot\u00e1, D.C. septiembre siete (7) de dos mil (2000). \u00a0 La Sala Primera de Revisi\u00f3n de la Corte Constitucional, integrada por los magistrados Antonio Barrera Carbonell, Alfredo Beltr\u00e1n Sierra y Martha S\u00e1chica de Moncaleano, en ejercicio de sus competencias constitucionales y legales, ha proferido la siguiente \u00a0 SENTENCIA \u00a0 dentro del proceso de revisi\u00f3n del fallo adoptado por el Juzgado ...<br \/><div class=\"pt-cv-rmwrap\"><a href=\"https:\/\/www.dmsjuridica.com\/buscador_20179478954\/corteconstitucionalcronologico202454587\/t-1172-00\/\" class=\"_self pt-cv-readmore btn btn-success\" target=\"_self\">Ver Sentencia Completa...<\/a><\/div><\/div><\/div><\/div>\n<div class=\"col-md-12 col-sm-12 col-xs-12 pt-cv-content-item pt-cv-1-col\" ><div class='pt-cv-ifield'><a href=\"https:\/\/www.dmsjuridica.com\/buscador_20179478954\/corteconstitucionalcronologico202454587\/t-1171-00\/\" class=\"_self pt-cv-href-thumbnail pt-cv-thumb-default\" target=\"_self\" ><\/a>\n<div class=\"pt-cv-taxoterm above_title\"><a href='https:\/\/www.dmsjuridica.com\/buscador_20179478954\/corteconstitucionalcronologico202454587\/category\/buscar-en-toda-la-corte\/2000\/tutelas-2000\/' title='Tutelas 2000' class='pt-cv-tax-tutelas-2000'>Tutelas 2000<\/a><\/div>\n<h4 class=\"pt-cv-title\"><a href=\"https:\/\/www.dmsjuridica.com\/buscador_20179478954\/corteconstitucionalcronologico202454587\/t-1171-00\/\" class=\"_self\" target=\"_self\" >T-1171-00<\/a><\/h4>\n<div class=\"pt-cv-content\">\u00a0 \u00a0 Sentencia T-1171\/00 \u00a0 ACCION DE TUTELA-Procedencia excepcional pago de acreencias laborales \u00a0 PERJUICIO IRREMEDIABLE-Determinaci\u00f3n \u00a0 MEDIO DE DEFENSA JUDICIAL-Pago de acreencias laborales \u00a0 Reiteraci\u00f3n de jurisprudencia \u00a0 Referencia: expediente T-288783 \u00a0 Acci\u00f3n de tutela instaurada por Julio Eduardo Botero Botero contra la Tesorer\u00eda Municipal de Palmira (Valle). \u00a0 Magistrado Ponente: \u00a0 Dr. ANTONIO BARRERA CARBONELL \u00a0 Bogot\u00e1, D.C., septiembre siete (7) de dos mil (2000). \u00a0 La Sala Primera de Revisi\u00f3n de la Corte Constitucional, integrada por los magistrados Antonio Barrera Carbonell, Alfredo Beltr\u00e1n Sierra y Martha S\u00e1chica de Moncaleano, en ejercicio de sus competencias constitucionales y legales, ...<br \/><div class=\"pt-cv-rmwrap\"><a href=\"https:\/\/www.dmsjuridica.com\/buscador_20179478954\/corteconstitucionalcronologico202454587\/t-1171-00\/\" class=\"_self pt-cv-readmore btn btn-success\" target=\"_self\">Ver Sentencia Completa...<\/a><\/div><\/div><\/div><\/div>\n<div class=\"col-md-12 col-sm-12 col-xs-12 pt-cv-content-item pt-cv-1-col\" ><div class='pt-cv-ifield'><a href=\"https:\/\/www.dmsjuridica.com\/buscador_20179478954\/corteconstitucionalcronologico202454587\/t-117-00\/\" class=\"_self pt-cv-href-thumbnail pt-cv-thumb-default\" target=\"_self\" ><\/a>\n<div class=\"pt-cv-taxoterm above_title\"><a href='https:\/\/www.dmsjuridica.com\/buscador_20179478954\/corteconstitucionalcronologico202454587\/category\/buscar-en-toda-la-corte\/2000\/tutelas-2000\/' title='Tutelas 2000' class='pt-cv-tax-tutelas-2000'>Tutelas 2000<\/a><\/div>\n<h4 class=\"pt-cv-title\"><a href=\"https:\/\/www.dmsjuridica.com\/buscador_20179478954\/corteconstitucionalcronologico202454587\/t-117-00\/\" class=\"_self\" target=\"_self\" >T-117-00<\/a><\/h4>\n<div class=\"pt-cv-content\">\u00a0 \u00a0 Sentencia T-117\/00 \u00a0 ACCION DE TUTELA-Procedencia excepcional pago de acreencias laborales \u00a0 Acci\u00f3n de tutela instaurada por Ruth Enith Calambas Cuene contra el Hospital Universitario \"San Jos\u00e9 de Popay\u00e1n\" \u00a0 Magistrado Ponente: \u00a0 Dr. JOS\u00c9 GREGORIO HERN\u00c1NDEZ GALINDO \u00a0 Santa Fe de Bogot\u00e1 D.C., diez (10) de febrero de dos mil (2000). \u00a0 La Sala Quinta de Revisi\u00f3n de la Corte Constitucional, en ejercicio de sus competencias constitucionales y legales, espec\u00edficamente las previstas en los art\u00edculos 86 y 241, numeral 9, de la Constituci\u00f3n Pol\u00edtica y en el Decreto 2591 de 1.991, ha proferido la siguiente \u00a0 SENTENCIA ...<br \/><div class=\"pt-cv-rmwrap\"><a href=\"https:\/\/www.dmsjuridica.com\/buscador_20179478954\/corteconstitucionalcronologico202454587\/t-117-00\/\" class=\"_self pt-cv-readmore btn btn-success\" target=\"_self\">Ver Sentencia Completa...<\/a><\/div><\/div><\/div><\/div>\n<div class=\"col-md-12 col-sm-12 col-xs-12 pt-cv-content-item pt-cv-1-col\" ><div class='pt-cv-ifield'><a href=\"https:\/\/www.dmsjuridica.com\/buscador_20179478954\/corteconstitucionalcronologico202454587\/t-1169-00\/\" class=\"_self pt-cv-href-thumbnail pt-cv-thumb-default\" target=\"_self\" ><\/a>\n<div class=\"pt-cv-taxoterm above_title\"><a href='https:\/\/www.dmsjuridica.com\/buscador_20179478954\/corteconstitucionalcronologico202454587\/category\/buscar-en-toda-la-corte\/2000\/tutelas-2000\/' title='Tutelas 2000' class='pt-cv-tax-tutelas-2000'>Tutelas 2000<\/a><\/div>\n<h4 class=\"pt-cv-title\"><a href=\"https:\/\/www.dmsjuridica.com\/buscador_20179478954\/corteconstitucionalcronologico202454587\/t-1169-00\/\" class=\"_self\" target=\"_self\" >T-1169-00<\/a><\/h4>\n<div class=\"pt-cv-content\">\u00a0 \u00a0 Sentencia T-1169\/00 \u00a0 ENTIDAD PROMOTORA DE SALUD-Tratamiento de alto costo sin cumplir periodo m\u00ednimo de cotizaci\u00f3n\/ACCION DE REPETICION POR ENTIDAD PROMOTORA DE SALUD-Suministro de tratamiento de alto costo sin cumplir periodo m\u00ednimo de cotizaci\u00f3n \u00a0 SISTEMA DE SEGURIDAD SOCIAL EN SALUD-Periodo m\u00ednimo de cotizaci\u00f3n de beneficiarios \u00a0 El per\u00edodo de cotizaci\u00f3n de los beneficiarios, se cuenta desde el instante en que se produce su afiliaci\u00f3n al sistema y no desde el momento de la afiliaci\u00f3n misma del cotizante. \u00a0 SISTEMA DE SEGURIDAD SOCIAL EN SALUD-Cambio en la afiliaci\u00f3n no implican p\u00e9rdida de derechos \u00a0 Producida la afiliaci\u00f3n al ...<br \/><div class=\"pt-cv-rmwrap\"><a href=\"https:\/\/www.dmsjuridica.com\/buscador_20179478954\/corteconstitucionalcronologico202454587\/t-1169-00\/\" class=\"_self pt-cv-readmore btn btn-success\" target=\"_self\">Ver Sentencia Completa...<\/a><\/div><\/div><\/div><\/div>\n<div class=\"col-md-12 col-sm-12 col-xs-12 pt-cv-content-item pt-cv-1-col\" ><div class='pt-cv-ifield'><a href=\"https:\/\/www.dmsjuridica.com\/buscador_20179478954\/corteconstitucionalcronologico202454587\/t-1168-00\/\" class=\"_self pt-cv-href-thumbnail pt-cv-thumb-default\" target=\"_self\" ><\/a>\n<div class=\"pt-cv-taxoterm above_title\"><a href='https:\/\/www.dmsjuridica.com\/buscador_20179478954\/corteconstitucionalcronologico202454587\/category\/buscar-en-toda-la-corte\/2000\/tutelas-2000\/' title='Tutelas 2000' class='pt-cv-tax-tutelas-2000'>Tutelas 2000<\/a><\/div>\n<h4 class=\"pt-cv-title\"><a href=\"https:\/\/www.dmsjuridica.com\/buscador_20179478954\/corteconstitucionalcronologico202454587\/t-1168-00\/\" class=\"_self\" target=\"_self\" >T-1168-00<\/a><\/h4>\n<div class=\"pt-cv-content\">LICENCIA DE MATERNIDAD-Procedencia excepcional de tutela para el pago \u00a0 LICENCIA DE MATERNIDAD-Pago por tutela cuando se est\u00e1 ante el m\u00ednimo vital \u00a0 PAGO LICENCIA DE MATERNIDAD-Necesidad de establecer periodo de gestaci\u00f3n\/MEDIO DE DEFENSA JUDICIAL-Necesidad de establecer periodo de gestaci\u00f3n \u00a0 Debe manifestarse por esta Sala que la duraci\u00f3n del periodo de gestaci\u00f3n constituye elemento fundamental para establecer la procedencia de la prestaci\u00f3n econ\u00f3mica por maternidad de las madres que iniciaron su embarazo con posterioridad a la vigencia del Decreto 806 de 1998, conforme al cual, para tener derecho a la licencia por maternidad remunerada la trabajadora debe cotizar, cuando ...<br \/><div class=\"pt-cv-rmwrap\"><a href=\"https:\/\/www.dmsjuridica.com\/buscador_20179478954\/corteconstitucionalcronologico202454587\/t-1168-00\/\" class=\"_self pt-cv-readmore btn btn-success\" target=\"_self\">Ver Sentencia Completa...<\/a><\/div><\/div><\/div><\/div>\n<div class=\"col-md-12 col-sm-12 col-xs-12 pt-cv-content-item pt-cv-1-col\" ><div class='pt-cv-ifield'><a href=\"https:\/\/www.dmsjuridica.com\/buscador_20179478954\/corteconstitucionalcronologico202454587\/t-1167-00\/\" class=\"_self pt-cv-href-thumbnail pt-cv-thumb-default\" target=\"_self\" ><\/a>\n<div class=\"pt-cv-taxoterm above_title\"><a href='https:\/\/www.dmsjuridica.com\/buscador_20179478954\/corteconstitucionalcronologico202454587\/category\/buscar-en-toda-la-corte\/2000\/tutelas-2000\/' title='Tutelas 2000' class='pt-cv-tax-tutelas-2000'>Tutelas 2000<\/a><\/div>\n<h4 class=\"pt-cv-title\"><a href=\"https:\/\/www.dmsjuridica.com\/buscador_20179478954\/corteconstitucionalcronologico202454587\/t-1167-00\/\" class=\"_self\" target=\"_self\" >T-1167-00<\/a><\/h4>\n<div class=\"pt-cv-content\">\u00a0 \u00a0 Sentencia T-1167\/00 \u00a0 CADUCIDAD DE LA ACCION FISCAL-Implicaci\u00f3n \u00a0 PROCESO DE RESPONSABILIDAD FISCAL-Aplicaci\u00f3n C\u00f3digo Contencioso Administrativo a falta de norma especial y encuadre dentro del proceso \u00a0 ACCION DE REPARACION DIRECTA Y PROCESO DE RESPONSABILIDAD FISCAL-Concordancia y afinidad permite aplicaci\u00f3n de t\u00e9rmino de caducidad \u00a0 Referencia: expediente T- 302915 \u00a0 Acci\u00f3n de tutela instaurada por Juan de Dios Berm\u00fadez D\u00edaz contra la Contralor\u00eda Municipal de Villavicencio. \u00a0 Magistrado ponente: \u00a0 Dr. FABIO MOR\u00d3N D\u00cdAZ \u00a0 Sentencia aprobada en Santaf\u00e9 de Bogot\u00e1, D.C., cinco (5) d\u00edas del mes de septiembre del dos mil (2000) \u00a0 \u00a0 \u00a0\u00a0 \u00a0 La ...<br \/><div class=\"pt-cv-rmwrap\"><a href=\"https:\/\/www.dmsjuridica.com\/buscador_20179478954\/corteconstitucionalcronologico202454587\/t-1167-00\/\" class=\"_self pt-cv-readmore btn btn-success\" target=\"_self\">Ver Sentencia Completa...<\/a><\/div><\/div><\/div><\/div>\n<div class=\"col-md-12 col-sm-12 col-xs-12 pt-cv-content-item pt-cv-1-col\" ><div class='pt-cv-ifield'><a href=\"https:\/\/www.dmsjuridica.com\/buscador_20179478954\/corteconstitucionalcronologico202454587\/t-1166-00\/\" class=\"_self pt-cv-href-thumbnail pt-cv-thumb-default\" target=\"_self\" ><\/a>\n<div class=\"pt-cv-taxoterm above_title\"><a href='https:\/\/www.dmsjuridica.com\/buscador_20179478954\/corteconstitucionalcronologico202454587\/category\/buscar-en-toda-la-corte\/2000\/tutelas-2000\/' title='Tutelas 2000' class='pt-cv-tax-tutelas-2000'>Tutelas 2000<\/a><\/div>\n<h4 class=\"pt-cv-title\"><a href=\"https:\/\/www.dmsjuridica.com\/buscador_20179478954\/corteconstitucionalcronologico202454587\/t-1166-00\/\" class=\"_self\" target=\"_self\" >T-1166-00<\/a><\/h4>\n<div class=\"pt-cv-content\">\u00a0 \u00a0 Sentencia T-1166\/00 \u00a0 DERECHO A LA VIDA DIGNA-Suministro de medicamentos excluidos del POS \u00a0 INAPLICACION DE NORMAS DEL PLAN OBLIGATORIO DE SALUD-Casos en que procede por exclusi\u00f3n de tratamientos y medicamentos de alto costo \u00a0 ENTIDAD PROMOTORA DE SALUD-Deber de suministrar tratamiento y medicamentos a enfermos de sida\/ENTIDAD PROMOTORA DE SALUD-Repetici\u00f3n contra el FOSYGA \u00a0 Referencia: expediente T-310.253 y T-310.906 (acumulados) \u00a0 Acciones de tutela instauradas por Jos\u00e9 Vicente P\u00e9rez Camacho y por Alvaro Alonso Garc\u00eda David. \u00a0 Magistrado Ponente:\u00a0 \u00a0 Dr. ALEJANDRO MART\u00cdNEZ CABALLERO \u00a0 Bogot\u00e1 D.C., seis (6) de septiembre de dos mil (2000) \u00a0 La ...<br \/><div class=\"pt-cv-rmwrap\"><a href=\"https:\/\/www.dmsjuridica.com\/buscador_20179478954\/corteconstitucionalcronologico202454587\/t-1166-00\/\" class=\"_self pt-cv-readmore btn btn-success\" target=\"_self\">Ver Sentencia Completa...<\/a><\/div><\/div><\/div><\/div>\n<div class=\"col-md-12 col-sm-12 col-xs-12 pt-cv-content-item pt-cv-1-col\" ><div class='pt-cv-ifield'><a href=\"https:\/\/www.dmsjuridica.com\/buscador_20179478954\/corteconstitucionalcronologico202454587\/t-116-00\/\" class=\"_self pt-cv-href-thumbnail pt-cv-thumb-default\" target=\"_self\" ><\/a>\n<div class=\"pt-cv-taxoterm above_title\"><a href='https:\/\/www.dmsjuridica.com\/buscador_20179478954\/corteconstitucionalcronologico202454587\/category\/buscar-en-toda-la-corte\/2000\/tutelas-2000\/' title='Tutelas 2000' class='pt-cv-tax-tutelas-2000'>Tutelas 2000<\/a><\/div>\n<h4 class=\"pt-cv-title\"><a href=\"https:\/\/www.dmsjuridica.com\/buscador_20179478954\/corteconstitucionalcronologico202454587\/t-116-00\/\" class=\"_self\" target=\"_self\" >T-116-00<\/a><\/h4>\n<div class=\"pt-cv-content\">\u00a0 \u00a0 Sentencia T-116\/00 \u00a0 DERECHOS ADQUIRIDOS-Retribuci\u00f3n econ\u00f3mica por cumplimiento de labor encomendada \u00a0 SALARIO-Consecuencias por no pago oportuno \u00a0 SALARIO-Falta de presupuesto o insolvencia del empleador para pago oportuno no justifica desconocimiento de derechos fundamentales \u00a0 Referencia: expedientes acumulados T-248754, T-250294, T-250457 y 252965 \u00a0 Acciones de tutela instauradas por Giselly Herrera Camacho, Marisol Pi\u00f1eros Arce, Numandia Ortiz Pe\u00f1a y Eduardo Jose Pati\u00f1o Ceballos contra el Alcalde de Candelaria \u00a0 Magistrado Ponente: \u00a0 Dr. JOS\u00c9 GREGORIO HERN\u00c1NDEZ GALINDO \u00a0 Aprobada en Santa Fe de Bogot\u00e1, D.C., diez (10) de febrero de dos mil (2000). \u00a0 La Sala Quinta de ...<br \/><div class=\"pt-cv-rmwrap\"><a href=\"https:\/\/www.dmsjuridica.com\/buscador_20179478954\/corteconstitucionalcronologico202454587\/t-116-00\/\" class=\"_self pt-cv-readmore btn btn-success\" target=\"_self\">Ver Sentencia Completa...<\/a><\/div><\/div><\/div><\/div>\n<div class=\"col-md-12 col-sm-12 col-xs-12 pt-cv-content-item pt-cv-1-col\" ><div class='pt-cv-ifield'><a href=\"https:\/\/www.dmsjuridica.com\/buscador_20179478954\/corteconstitucionalcronologico202454587\/t-1157-00\/\" class=\"_self pt-cv-href-thumbnail pt-cv-thumb-default\" target=\"_self\" ><\/a>\n<div class=\"pt-cv-taxoterm above_title\"><a href='https:\/\/www.dmsjuridica.com\/buscador_20179478954\/corteconstitucionalcronologico202454587\/category\/buscar-en-toda-la-corte\/2000\/tutelas-2000\/' title='Tutelas 2000' class='pt-cv-tax-tutelas-2000'>Tutelas 2000<\/a><\/div>\n<h4 class=\"pt-cv-title\"><a href=\"https:\/\/www.dmsjuridica.com\/buscador_20179478954\/corteconstitucionalcronologico202454587\/t-1157-00\/\" class=\"_self\" target=\"_self\" >T-1157-00<\/a><\/h4>\n<div class=\"pt-cv-content\">\u00a0 \u00a0 Sentencia T-1157\/00 \u00a0 PRINCIPIO DE TERRITORIALIDAD DE LA LEY-Alcance\/PRINCIPIO DE TERRITORIALIDAD DE LA LEY-Excepciones \u00a0 El principio de la territorialidad de la ley es consustancial con la soberan\u00eda que ejercen los Estados dentro de su territorio; de este modo cada Estado puede expedir normas y hacerlas aplicar dentro de los confines de su territorio. El mencionado principio se encuentra morigerado con las siguientes excepciones: i) los colombianos residentes o domiciliados en el extranjero permanecer\u00e1n sujetos a la ley colombiana, en lo relativo al estado civil, a su capacidad, a la determinaci\u00f3n de derechos y obligaciones de familias, en ...<br \/><div class=\"pt-cv-rmwrap\"><a href=\"https:\/\/www.dmsjuridica.com\/buscador_20179478954\/corteconstitucionalcronologico202454587\/t-1157-00\/\" class=\"_self pt-cv-readmore btn btn-success\" target=\"_self\">Ver Sentencia Completa...<\/a><\/div><\/div><\/div><\/div>\n<div class=\"col-md-12 col-sm-12 col-xs-12 pt-cv-content-item pt-cv-1-col\" ><div class='pt-cv-ifield'><a href=\"https:\/\/www.dmsjuridica.com\/buscador_20179478954\/corteconstitucionalcronologico202454587\/t-1156-00\/\" class=\"_self pt-cv-href-thumbnail pt-cv-thumb-default\" target=\"_self\" ><\/a>\n<div class=\"pt-cv-taxoterm above_title\"><a href='https:\/\/www.dmsjuridica.com\/buscador_20179478954\/corteconstitucionalcronologico202454587\/category\/buscar-en-toda-la-corte\/2000\/tutelas-2000\/' title='Tutelas 2000' class='pt-cv-tax-tutelas-2000'>Tutelas 2000<\/a><\/div>\n<h4 class=\"pt-cv-title\"><a href=\"https:\/\/www.dmsjuridica.com\/buscador_20179478954\/corteconstitucionalcronologico202454587\/t-1156-00\/\" class=\"_self\" target=\"_self\" >T-1156-00<\/a><\/h4>\n<div class=\"pt-cv-content\">ACCION DE TUTELA EN MATERIA LABORAL-Improcedencia general\/ACCION DE TUTELA-Improcedencia general pago de acreencias laborales \u00a0 PRINCIPIO A TRABAJO IGUAL SALARIO IGUAL-Alcance \u00a0 PRINCIPIO A TRABAJO IGUAL SALARIO IGUAL-Existencia de relaci\u00f3n laboral \u00a0 ACCION DE TUTELA-Hecho consumado\/MEDIO DE DEFENSA JUDICIAL-Pago retroactivo de nivelaci\u00f3n salarial \u00a0 MEDIO DE DEFENSA JUDICIAL-Pago de indexaci\u00f3n e intereses moratorios y prestaciones econ\u00f3micas \u00a0 Referencia: expedientes T-281.470 y T-286.585 (acumulados) \u00a0 Acciones de tutela instauradas por Mercedes P\u00e9rez Velasco, Ricardo Montero Gonz\u00e1lez y otros; contra las Empresas Municipales de Cali EMCALI. \u00a0 Magistrado Ponente:\u00a0 \u00a0 Dr. ALEJANDRO MART\u00cdNEZ CABALLERO \u00a0 Bogot\u00e1, primero (1\u00ba) de septiembre de dos ...<br \/><div class=\"pt-cv-rmwrap\"><a href=\"https:\/\/www.dmsjuridica.com\/buscador_20179478954\/corteconstitucionalcronologico202454587\/t-1156-00\/\" class=\"_self pt-cv-readmore btn btn-success\" target=\"_self\">Ver Sentencia Completa...<\/a><\/div><\/div><\/div><\/div>\n<div class=\"col-md-12 col-sm-12 col-xs-12 pt-cv-content-item pt-cv-1-col\" ><div class='pt-cv-ifield'><a href=\"https:\/\/www.dmsjuridica.com\/buscador_20179478954\/corteconstitucionalcronologico202454587\/t-1155-00\/\" class=\"_self pt-cv-href-thumbnail pt-cv-thumb-default\" target=\"_self\" ><\/a>\n<div class=\"pt-cv-taxoterm above_title\"><a href='https:\/\/www.dmsjuridica.com\/buscador_20179478954\/corteconstitucionalcronologico202454587\/category\/buscar-en-toda-la-corte\/2000\/tutelas-2000\/' title='Tutelas 2000' class='pt-cv-tax-tutelas-2000'>Tutelas 2000<\/a><\/div>\n<h4 class=\"pt-cv-title\"><a href=\"https:\/\/www.dmsjuridica.com\/buscador_20179478954\/corteconstitucionalcronologico202454587\/t-1155-00\/\" class=\"_self\" target=\"_self\" >T-1155-00<\/a><\/h4>\n<div class=\"pt-cv-content\">\u00a0 \u00a0 Sentencia T-1155\/00 \u00a0 ACCION DE TUTELA-Procedencia excepcional pago de mesadas pensionales\/DERECHO AL MINIMO VITAL DEL PENSIONADO-Pago oportuno de mesadas \u00a0 EMPLEADOR-Situaci\u00f3n econ\u00f3mica o presupuestal no es \u00f3bice para desconocer pago de mesadas pensionales \u00a0 ACCION DE TUTELA TRANSITORIA PARA RECLAMO DE SALARIOS-Prueba requerida de que existe perjuicio irremediable \u00a0 PERJUICIO IRREMEDIABLE-Valoraci\u00f3n cualitativa \u00a0 DERECHO AL PAGO OPORTUNO DEL SALARIO-Determinaci\u00f3n de cantidades debidas y \u00f3rdenes del juez \u00a0 CUMPLIMIENTO FALLO DE TUTELA E INCIDENTE DE DESACATO-Juez de primera instancia \u00a0 Referencia: expediente T-315880, T-316470, T-316740, T-316946, T-316948, T-317315, T-317355. \u00a0 Acci\u00f3n de tutela instaurada por Jhon Gordon, Ang\u00e9lica Romero, ...<br \/><div class=\"pt-cv-rmwrap\"><a href=\"https:\/\/www.dmsjuridica.com\/buscador_20179478954\/corteconstitucionalcronologico202454587\/t-1155-00\/\" class=\"_self pt-cv-readmore btn btn-success\" target=\"_self\">Ver Sentencia Completa...<\/a><\/div><\/div><\/div><\/div>\n<div class=\"col-md-12 col-sm-12 col-xs-12 pt-cv-content-item pt-cv-1-col\" ><div class='pt-cv-ifield'><a href=\"https:\/\/www.dmsjuridica.com\/buscador_20179478954\/corteconstitucionalcronologico202454587\/t-1154-00\/\" class=\"_self pt-cv-href-thumbnail pt-cv-thumb-default\" target=\"_self\" ><\/a>\n<div class=\"pt-cv-taxoterm above_title\"><a href='https:\/\/www.dmsjuridica.com\/buscador_20179478954\/corteconstitucionalcronologico202454587\/category\/buscar-en-toda-la-corte\/2000\/tutelas-2000\/' title='Tutelas 2000' class='pt-cv-tax-tutelas-2000'>Tutelas 2000<\/a><\/div>\n<h4 class=\"pt-cv-title\"><a href=\"https:\/\/www.dmsjuridica.com\/buscador_20179478954\/corteconstitucionalcronologico202454587\/t-1154-00\/\" class=\"_self\" target=\"_self\" >T-1154-00<\/a><\/h4>\n<div class=\"pt-cv-content\">\u00a0 \u00a0 Sentencia T-1154\/00 \u00a0 DERECHO A LA PENSION DE VEJEZ-Fundamental por conexidad \u00a0 PRINCIPIOS CONSTITUCIONALES-Respeto\/DERECHOS ADQUIRIDOS DEL PENSIONADO-Protecci\u00f3n \u00a0 CONSTITUCION POLITICA-Emanaci\u00f3n de jerarqu\u00eda normativa \u00a0 BONOS PENSIONALES-Tr\u00e1mite \u00a0 BONOS PENSIONALES-Emisi\u00f3n \u00a0 DERECHOS FUNDAMENTALES-Vulneraci\u00f3n por demora en emisi\u00f3n de bono pensional\/BONOS PENSIONALES-Demora en emisi\u00f3n impide acceso a pensi\u00f3n de jubilaci\u00f3n \u00a0 Se afectan derechos fundamentales (especialmente el de dignidad, m\u00ednimo vital, seguridad social, derechos adquiridos) cuando la demora en la emisi\u00f3n del bono impide el acceso a una pensi\u00f3n de jubilaci\u00f3n a la cual tiene derecho quien haya adquirido el status de jubilado. Y se incurre en v\u00eda de hecho ...<br \/><div class=\"pt-cv-rmwrap\"><a href=\"https:\/\/www.dmsjuridica.com\/buscador_20179478954\/corteconstitucionalcronologico202454587\/t-1154-00\/\" class=\"_self pt-cv-readmore btn btn-success\" target=\"_self\">Ver Sentencia Completa...<\/a><\/div><\/div><\/div><\/div>\n<div class=\"col-md-12 col-sm-12 col-xs-12 pt-cv-content-item pt-cv-1-col\" ><div class='pt-cv-ifield'><a href=\"https:\/\/www.dmsjuridica.com\/buscador_20179478954\/corteconstitucionalcronologico202454587\/t-1153-00\/\" class=\"_self pt-cv-href-thumbnail pt-cv-thumb-default\" target=\"_self\" ><\/a>\n<div class=\"pt-cv-taxoterm above_title\"><a href='https:\/\/www.dmsjuridica.com\/buscador_20179478954\/corteconstitucionalcronologico202454587\/category\/buscar-en-toda-la-corte\/2000\/tutelas-2000\/' title='Tutelas 2000' class='pt-cv-tax-tutelas-2000'>Tutelas 2000<\/a><\/div>\n<h4 class=\"pt-cv-title\"><a href=\"https:\/\/www.dmsjuridica.com\/buscador_20179478954\/corteconstitucionalcronologico202454587\/t-1153-00\/\" class=\"_self\" target=\"_self\" >T-1153-00<\/a><\/h4>\n<div class=\"pt-cv-content\">\u00a0 \u00a0 Sentencia T-1153\/00 \u00a0 DERECHO A LA ESTABILIDAD LABORAL REFORZADA DE MUJER EMBARAZADA-Protecci\u00f3n constitucional especial \u00a0 El fuero de maternidad no s\u00f3lo involucra prerrogativas econ\u00f3micas en favor \u00a0de la trabajadora embarazada sino tambi\u00e9n garant\u00edas de estabilidad en el empleo, por lo que los despidos en ese per\u00edodo se presumen que son consecuencia de la discriminaci\u00f3n que el ordenamiento jur\u00eddico reprocha. De ah\u00ed pues que, el empleador debe desvirtuar tal presunci\u00f3n, explicando suficiente y razonablemente que el despido o la desvinculaci\u00f3n del cargo no se produjo por causas imputables al embarazo. Ese \"fuero\" cobija la \u00e9poca del embarazo y los ...<br \/><div class=\"pt-cv-rmwrap\"><a href=\"https:\/\/www.dmsjuridica.com\/buscador_20179478954\/corteconstitucionalcronologico202454587\/t-1153-00\/\" class=\"_self pt-cv-readmore btn btn-success\" target=\"_self\">Ver Sentencia Completa...<\/a><\/div><\/div><\/div><\/div>\n<div class=\"col-md-12 col-sm-12 col-xs-12 pt-cv-content-item pt-cv-1-col\" ><div class='pt-cv-ifield'><a href=\"https:\/\/www.dmsjuridica.com\/buscador_20179478954\/corteconstitucionalcronologico202454587\/t-1152-00\/\" class=\"_self pt-cv-href-thumbnail pt-cv-thumb-default\" target=\"_self\" ><\/a>\n<div class=\"pt-cv-taxoterm above_title\"><a href='https:\/\/www.dmsjuridica.com\/buscador_20179478954\/corteconstitucionalcronologico202454587\/category\/buscar-en-toda-la-corte\/2000\/tutelas-2000\/' title='Tutelas 2000' class='pt-cv-tax-tutelas-2000'>Tutelas 2000<\/a><\/div>\n<h4 class=\"pt-cv-title\"><a href=\"https:\/\/www.dmsjuridica.com\/buscador_20179478954\/corteconstitucionalcronologico202454587\/t-1152-00\/\" class=\"_self\" target=\"_self\" >T-1152-00<\/a><\/h4>\n<div class=\"pt-cv-content\">\u00a0 \u00a0 Sentencia T-1152\/00 \u00a0 DERECHO A LA SUSTITUCION PENSIONAL-Conflictos entre c\u00f3nyuge y compa\u00f1era permanente\/SUSTITUCION PENSIONAL-Pr\u00e1ctica de pruebas para definir otorgamiento \u00a0 Es razonable que los Seguros Sociales decreten pruebas oficiosas para saber a quien le otorgan la pensi\u00f3n y la tutela no puede obstaculizar este justo proceder. Si bien es cierto toda petici\u00f3n debe ser prontamente definida, tambi\u00e9n es cierto que una demanda o una solicitud que apuntan a una decisi\u00f3n judicial o administrativa requieren de pruebas para averiguar la verdad. En estos casos en que hay partes encontradas, entre mas esfuerzo probatorio haga el funcionario es mejor para ...<br \/><div class=\"pt-cv-rmwrap\"><a href=\"https:\/\/www.dmsjuridica.com\/buscador_20179478954\/corteconstitucionalcronologico202454587\/t-1152-00\/\" class=\"_self pt-cv-readmore btn btn-success\" target=\"_self\">Ver Sentencia Completa...<\/a><\/div><\/div><\/div><\/div>\n<div class=\"col-md-12 col-sm-12 col-xs-12 pt-cv-content-item pt-cv-1-col\" ><div class='pt-cv-ifield'><a href=\"https:\/\/www.dmsjuridica.com\/buscador_20179478954\/corteconstitucionalcronologico202454587\/t-1151-00\/\" class=\"_self pt-cv-href-thumbnail pt-cv-thumb-default\" target=\"_self\" ><\/a>\n<div class=\"pt-cv-taxoterm above_title\"><a href='https:\/\/www.dmsjuridica.com\/buscador_20179478954\/corteconstitucionalcronologico202454587\/category\/buscar-en-toda-la-corte\/2000\/tutelas-2000\/' title='Tutelas 2000' class='pt-cv-tax-tutelas-2000'>Tutelas 2000<\/a><\/div>\n<h4 class=\"pt-cv-title\"><a href=\"https:\/\/www.dmsjuridica.com\/buscador_20179478954\/corteconstitucionalcronologico202454587\/t-1151-00\/\" class=\"_self\" target=\"_self\" >T-1151-00<\/a><\/h4>\n<div class=\"pt-cv-content\">\u00a0 \u00a0 Sentencia T-1151\/00 \u00a0 DERECHO A LA SALUD-Fundamental por conexidad con la vida \u00a0 DERECHO A LA SALUD DE PERSONA DE LA \u00a0TERCERA EDAD-No suministro de ox\u00edgeno \u00a0 SEGURO SOCIAL-No suministro de ox\u00edgeno \u00a0 Referencia: expediente T-260240 \u00a0 Acci\u00f3n de tutela instaurada por Luis Fernando Mu\u00f1oz Vahos contra el Instituto de Seguros Sociales. \u00a0 Magistrado Ponente: \u00a0 Dr. JOS\u00c9 GREGORIO HERN\u00c1NDEZ GALINDO \u00a0 Bogot\u00e1 D.C., treinta (30) de agosto de dos mil (2000). \u00a0 La Sala Quinta de Revisi\u00f3n de la Corte Constitucional, en ejercicio de sus competencias constitucionales y legales, espec\u00edficamente las previstas en los art\u00edculos 86 y ...<br \/><div class=\"pt-cv-rmwrap\"><a href=\"https:\/\/www.dmsjuridica.com\/buscador_20179478954\/corteconstitucionalcronologico202454587\/t-1151-00\/\" class=\"_self pt-cv-readmore btn btn-success\" target=\"_self\">Ver Sentencia Completa...<\/a><\/div><\/div><\/div><\/div>\n<div class=\"col-md-12 col-sm-12 col-xs-12 pt-cv-content-item pt-cv-1-col\" ><div class='pt-cv-ifield'><a href=\"https:\/\/www.dmsjuridica.com\/buscador_20179478954\/corteconstitucionalcronologico202454587\/t-115-00\/\" class=\"_self pt-cv-href-thumbnail pt-cv-thumb-default\" target=\"_self\" ><\/a>\n<div class=\"pt-cv-taxoterm above_title\"><a href='https:\/\/www.dmsjuridica.com\/buscador_20179478954\/corteconstitucionalcronologico202454587\/category\/buscar-en-toda-la-corte\/2000\/tutelas-2000\/' title='Tutelas 2000' class='pt-cv-tax-tutelas-2000'>Tutelas 2000<\/a><\/div>\n<h4 class=\"pt-cv-title\"><a href=\"https:\/\/www.dmsjuridica.com\/buscador_20179478954\/corteconstitucionalcronologico202454587\/t-115-00\/\" class=\"_self\" target=\"_self\" >T-115-00<\/a><\/h4>\n<div class=\"pt-cv-content\">\u00a0 \u00a0 Sentencia T-115\/00 \u00a0 ACCION DE TUTELA-Procedencia excepcional pago de acreencias laborales \u00a0 Referencia: expediente T-242672 \u00a0 Acci\u00f3n de tutela instaurada por Arley Molina P\u00e9rez contra la Gobernaci\u00f3n del \u00a0Tolima. \u00a0 Magistrado Ponente: \u00a0 Dr. JOS\u00c9 GREGORIO HERN\u00c1NDEZ GALINDO \u00a0 Santa Fe de Bogot\u00e1 D.C., diez (10) de febrero de dos mil (2000). \u00a0 La Sala Quinta de Revisi\u00f3n de la Corte Constitucional, en ejercicio de sus competencias constitucionales y legales, espec\u00edficamente las previstas en los art\u00edculos 86 y 241, numeral 9, de la Constituci\u00f3n Pol\u00edtica y en el Decreto 2591 de 1991, ha proferido la siguiente \u00a0 SENTENCIA ...<br \/><div class=\"pt-cv-rmwrap\"><a href=\"https:\/\/www.dmsjuridica.com\/buscador_20179478954\/corteconstitucionalcronologico202454587\/t-115-00\/\" class=\"_self pt-cv-readmore btn btn-success\" target=\"_self\">Ver Sentencia Completa...<\/a><\/div><\/div><\/div><\/div>\n<div class=\"col-md-12 col-sm-12 col-xs-12 pt-cv-content-item pt-cv-1-col\" ><div class='pt-cv-ifield'><a href=\"https:\/\/www.dmsjuridica.com\/buscador_20179478954\/corteconstitucionalcronologico202454587\/t-114-00\/\" class=\"_self pt-cv-href-thumbnail pt-cv-thumb-default\" target=\"_self\" ><\/a>\n<div class=\"pt-cv-taxoterm above_title\"><a href='https:\/\/www.dmsjuridica.com\/buscador_20179478954\/corteconstitucionalcronologico202454587\/category\/buscar-en-toda-la-corte\/2000\/tutelas-2000\/' title='Tutelas 2000' class='pt-cv-tax-tutelas-2000'>Tutelas 2000<\/a><\/div>\n<h4 class=\"pt-cv-title\"><a href=\"https:\/\/www.dmsjuridica.com\/buscador_20179478954\/corteconstitucionalcronologico202454587\/t-114-00\/\" class=\"_self\" target=\"_self\" >T-114-00<\/a><\/h4>\n<div class=\"pt-cv-content\">ACCION DE TUTELA-Improcedencia general para impugnar nombramientos posteriores al concurso\/CONCURSO DE MERITOS-Procedencia excepcional de tutela para impugnar nombramientos posteriores \u00a0 Por regla general, no cabe la tutela cuando se trata de atacar los nombramientos que se han efectuado luego de la realizaci\u00f3n de concursos de m\u00e9rito para la provisi\u00f3n de cargos en la administraci\u00f3n \u00a0p\u00fablica. Ello, por cuanto la persona interesada cuenta con la posibilidad de acudir a las acciones de nulidad y restablecimiento del derecho o de simple nulidad, ante la jurisdicci\u00f3n contencioso administrativa. Cuando se trata de impugnar los nombramientos realizados con posterioridad a la celebraci\u00f3n de un ...<br \/><div class=\"pt-cv-rmwrap\"><a href=\"https:\/\/www.dmsjuridica.com\/buscador_20179478954\/corteconstitucionalcronologico202454587\/t-114-00\/\" class=\"_self pt-cv-readmore btn btn-success\" target=\"_self\">Ver Sentencia Completa...<\/a><\/div><\/div><\/div><\/div>\n<div class=\"col-md-12 col-sm-12 col-xs-12 pt-cv-content-item pt-cv-1-col\" ><div class='pt-cv-ifield'><a href=\"https:\/\/www.dmsjuridica.com\/buscador_20179478954\/corteconstitucionalcronologico202454587\/t-1136-00\/\" class=\"_self pt-cv-href-thumbnail pt-cv-thumb-default\" target=\"_self\" ><\/a>\n<div class=\"pt-cv-taxoterm above_title\"><a href='https:\/\/www.dmsjuridica.com\/buscador_20179478954\/corteconstitucionalcronologico202454587\/category\/buscar-en-toda-la-corte\/2000\/tutelas-2000\/' title='Tutelas 2000' class='pt-cv-tax-tutelas-2000'>Tutelas 2000<\/a><\/div>\n<h4 class=\"pt-cv-title\"><a href=\"https:\/\/www.dmsjuridica.com\/buscador_20179478954\/corteconstitucionalcronologico202454587\/t-1136-00\/\" class=\"_self\" target=\"_self\" >T-1136-00<\/a><\/h4>\n<div class=\"pt-cv-content\">DEPORTE PROFESIONAL-Dimensiones \u00a0 LIBERTAD DE TRABAJO DEL DEPORTISTA-Transferencias\u00a0 \u00a0 CLUB DEPORTIVO-Derechos constitucionales de jugadores \u00a0 CLUB DEPORTIVO-Imposibilidad de poseer derechos deportivos de jugador sin que exista relaci\u00f3n laboral \u00a0 Referencia: expediente T-333579 \u00a0 Peticionario: Roberto Vidales Le\u00f3n \u00a0 Magistrado Ponente:\u00a0 \u00a0 Dr. ALFREDO BELTRAN SIERRA \u00a0 Bogot\u00e1, D.C., agosto treinta (30) de dos mil (2000). \u00a0 La Sala Segunda de Revisi\u00f3n de la Corte Constitucional, integrada por los magistrados, Alfredo Beltr\u00e1n Sierra, Eduardo Cifuentes Mu\u00f1oz y Carlos Gaviria D\u00edaz, en ejercicio de sus competencias constitucionales y legales, ha proferido la siguiente : \u00a0 El expediente lleg\u00f3 a la Corte Constitucional, ...<br \/><div class=\"pt-cv-rmwrap\"><a href=\"https:\/\/www.dmsjuridica.com\/buscador_20179478954\/corteconstitucionalcronologico202454587\/t-1136-00\/\" class=\"_self pt-cv-readmore btn btn-success\" target=\"_self\">Ver Sentencia Completa...<\/a><\/div><\/div><\/div><\/div>\n<div class=\"col-md-12 col-sm-12 col-xs-12 pt-cv-content-item pt-cv-1-col\" ><div class='pt-cv-ifield'><a href=\"https:\/\/www.dmsjuridica.com\/buscador_20179478954\/corteconstitucionalcronologico202454587\/t-1135-00\/\" class=\"_self pt-cv-href-thumbnail pt-cv-thumb-default\" target=\"_self\" ><\/a>\n<div class=\"pt-cv-taxoterm above_title\"><a href='https:\/\/www.dmsjuridica.com\/buscador_20179478954\/corteconstitucionalcronologico202454587\/category\/buscar-en-toda-la-corte\/2000\/tutelas-2000\/' title='Tutelas 2000' class='pt-cv-tax-tutelas-2000'>Tutelas 2000<\/a><\/div>\n<h4 class=\"pt-cv-title\"><a href=\"https:\/\/www.dmsjuridica.com\/buscador_20179478954\/corteconstitucionalcronologico202454587\/t-1135-00\/\" class=\"_self\" target=\"_self\" >T-1135-00<\/a><\/h4>\n<div class=\"pt-cv-content\">\u00a0 \u00a0 {p} \u00a0 EXPEDIENTE \u00a0T-327.235 y otros. \u00a0 Sentencia T-1135\/00 \u00a0 ACCION DE TUTELA-Naturaleza \u00a0 GOBIERNO NACIONAL-Formulaci\u00f3n anual del presupuesto y ley de apropiaciones\/JUEZ DE TUTELA-Imposibilidad de modificar presupuesto para incremento salarial de servidores p\u00fablicos \u00a0 ACCION DE TUTELA COMO MECANISMO TRANSITORIO-Improcedencia incremento salarial para servidores p\u00fablicos \u00a0 Referencia: expedientes T-327.235 y otros.\u00a0 \u00a0 Acci\u00f3n de tutela de Carmen Ayinia Palacio Arce y otros. \u00a0 \u00a0 Procedencia: Juzgado Promiscuo de Familia de Jeric\u00f3. Antioquia y otros. \u00a0 \u00a0\u00a0 \u00a0 Magistrado Ponente:\u00a0 \u00a0 Dr. ALFREDO BELTR\u00c1N SIERRA. \u00a0 La Sala Segunda de la Corte Constitucional, ha proferido la siguiente \u00a0 ...<br \/><div class=\"pt-cv-rmwrap\"><a href=\"https:\/\/www.dmsjuridica.com\/buscador_20179478954\/corteconstitucionalcronologico202454587\/t-1135-00\/\" class=\"_self pt-cv-readmore btn btn-success\" target=\"_self\">Ver Sentencia Completa...<\/a><\/div><\/div><\/div><\/div>\n<div class=\"col-md-12 col-sm-12 col-xs-12 pt-cv-content-item pt-cv-1-col\" ><div class='pt-cv-ifield'><a href=\"https:\/\/www.dmsjuridica.com\/buscador_20179478954\/corteconstitucionalcronologico202454587\/t-1134-00\/\" class=\"_self pt-cv-href-thumbnail pt-cv-thumb-default\" target=\"_self\" ><\/a>\n<div class=\"pt-cv-taxoterm above_title\"><a href='https:\/\/www.dmsjuridica.com\/buscador_20179478954\/corteconstitucionalcronologico202454587\/category\/buscar-en-toda-la-corte\/2000\/tutelas-2000\/' title='Tutelas 2000' class='pt-cv-tax-tutelas-2000'>Tutelas 2000<\/a><\/div>\n<h4 class=\"pt-cv-title\"><a href=\"https:\/\/www.dmsjuridica.com\/buscador_20179478954\/corteconstitucionalcronologico202454587\/t-1134-00\/\" class=\"_self\" target=\"_self\" >T-1134-00<\/a><\/h4>\n<div class=\"pt-cv-content\">\u00a0 \u00a0 Sentencia T-1134\/00 \u00a0 ESTADO SOCIAL DE DERECHO-Ligado al principio de igualdad real y efectiva \u00a0 DERECHO A LA SALUD DEL NI\u00d1O CON LIMITACIONES FISICAS-Protecci\u00f3n \u00a0 Referencia: expediente T-313150 \u00a0 Acci\u00f3n de tutela incoada por Gloria Enid Sep\u00falveda Monsalve, en representaci\u00f3n de Sara Sep\u00falveda Monsalve, contra la Directora de la \"Escuela Arzobispo Garc\u00eda\".\u00a0 \u00a0 Magistrado Ponente: \u00a0 Dr. JOS\u00c9 GREGORIO HERN\u00c1NDEZ GALINDO \u00a0 Bogot\u00e1, D.C., veintinueve (29) de agosto de dos mil (2000). \u00a0 La Sala Quinta de Revisi\u00f3n de la Corte Constitucional, en ejercicio de sus competencias constitucionales y legales, espec\u00edficamente las previstas en los art\u00edculos 86 y ...<br \/><div class=\"pt-cv-rmwrap\"><a href=\"https:\/\/www.dmsjuridica.com\/buscador_20179478954\/corteconstitucionalcronologico202454587\/t-1134-00\/\" class=\"_self pt-cv-readmore btn btn-success\" target=\"_self\">Ver Sentencia Completa...<\/a><\/div><\/div><\/div><\/div>\n<div class=\"col-md-12 col-sm-12 col-xs-12 pt-cv-content-item pt-cv-1-col\" ><div class='pt-cv-ifield'><a href=\"https:\/\/www.dmsjuridica.com\/buscador_20179478954\/corteconstitucionalcronologico202454587\/t-1133-00\/\" class=\"_self pt-cv-href-thumbnail pt-cv-thumb-default\" target=\"_self\" ><\/a>\n<div class=\"pt-cv-taxoterm above_title\"><a href='https:\/\/www.dmsjuridica.com\/buscador_20179478954\/corteconstitucionalcronologico202454587\/category\/buscar-en-toda-la-corte\/2000\/tutelas-2000\/' title='Tutelas 2000' class='pt-cv-tax-tutelas-2000'>Tutelas 2000<\/a><\/div>\n<h4 class=\"pt-cv-title\"><a href=\"https:\/\/www.dmsjuridica.com\/buscador_20179478954\/corteconstitucionalcronologico202454587\/t-1133-00\/\" class=\"_self\" target=\"_self\" >T-1133-00<\/a><\/h4>\n<div class=\"pt-cv-content\">\u00a0 \u00a0 Sentencia T-1133\/00 \u00a0 DERECHOS FUNDAMENTALES-Afectaci\u00f3n de persona en circunstancias de debilidad manifiesta \u00a0 Los derechos que reclam\u00f3 el actor s\u00ed fueron significativamente afectados por la actuaci\u00f3n del Instituto demandado; as\u00ed el peticionario no padezca actualmente una enfermedad que ponga en peligro inminente su vida, \u00e9l es una persona que por su condici\u00f3n econ\u00f3mica y f\u00edsica se encuentra en circunstancia de debilidad manifiesta y, de acuerdo con el art\u00edculo 13 de la Carta Pol\u00edtica, debe recibir la protecci\u00f3n especial que le ha negado la entidad demandada, por lo que sus derechos a la vida, la salud, la igualdad y ...<br \/><div class=\"pt-cv-rmwrap\"><a href=\"https:\/\/www.dmsjuridica.com\/buscador_20179478954\/corteconstitucionalcronologico202454587\/t-1133-00\/\" class=\"_self pt-cv-readmore btn btn-success\" target=\"_self\">Ver Sentencia Completa...<\/a><\/div><\/div><\/div><\/div>\n<div class=\"col-md-12 col-sm-12 col-xs-12 pt-cv-content-item pt-cv-1-col\" ><div class='pt-cv-ifield'><a href=\"https:\/\/www.dmsjuridica.com\/buscador_20179478954\/corteconstitucionalcronologico202454587\/t-1132-00\/\" class=\"_self pt-cv-href-thumbnail pt-cv-thumb-default\" target=\"_self\" ><\/a>\n<div class=\"pt-cv-taxoterm above_title\"><a href='https:\/\/www.dmsjuridica.com\/buscador_20179478954\/corteconstitucionalcronologico202454587\/category\/buscar-en-toda-la-corte\/2000\/tutelas-2000\/' title='Tutelas 2000' class='pt-cv-tax-tutelas-2000'>Tutelas 2000<\/a><\/div>\n<h4 class=\"pt-cv-title\"><a href=\"https:\/\/www.dmsjuridica.com\/buscador_20179478954\/corteconstitucionalcronologico202454587\/t-1132-00\/\" class=\"_self\" target=\"_self\" >T-1132-00<\/a><\/h4>\n<div class=\"pt-cv-content\">\u00a0 \u00a0 Sentencia T-1132\/00 \u00a0 OBJECION PRESIDENCIAL-Naturaleza \u00a0 Las objeciones presidenciales no son, como se afirma en la solicitud de amparo, un acto administrativo por medio del cual se crea modifica o extingue una situaci\u00f3n jur\u00eddica o un derecho, para cuya supresi\u00f3n del ordenamiento puedan los particulares solicitar que se inicie el tr\u00e1mite de la revocatoria directa; el escrito de objeciones no hace parte siquiera de una actuaci\u00f3n administrativa propiamente dicha, sino que constituye un acto de participaci\u00f3n del ejecutivo en el proceso complejo de creaci\u00f3n de las leyes por el Congreso; es a esa Corporaci\u00f3n representativa a la cual ...<br \/><div class=\"pt-cv-rmwrap\"><a href=\"https:\/\/www.dmsjuridica.com\/buscador_20179478954\/corteconstitucionalcronologico202454587\/t-1132-00\/\" class=\"_self pt-cv-readmore btn btn-success\" target=\"_self\">Ver Sentencia Completa...<\/a><\/div><\/div><\/div><\/div>\n<div class=\"col-md-12 col-sm-12 col-xs-12 pt-cv-content-item pt-cv-1-col\" ><div class='pt-cv-ifield'><a href=\"https:\/\/www.dmsjuridica.com\/buscador_20179478954\/corteconstitucionalcronologico202454587\/t-1131-00\/\" class=\"_self pt-cv-href-thumbnail pt-cv-thumb-default\" target=\"_self\" ><\/a>\n<div class=\"pt-cv-taxoterm above_title\"><a href='https:\/\/www.dmsjuridica.com\/buscador_20179478954\/corteconstitucionalcronologico202454587\/category\/buscar-en-toda-la-corte\/2000\/tutelas-2000\/' title='Tutelas 2000' class='pt-cv-tax-tutelas-2000'>Tutelas 2000<\/a><\/div>\n<h4 class=\"pt-cv-title\"><a href=\"https:\/\/www.dmsjuridica.com\/buscador_20179478954\/corteconstitucionalcronologico202454587\/t-1131-00\/\" class=\"_self\" target=\"_self\" >T-1131-00<\/a><\/h4>\n<div class=\"pt-cv-content\">\u00a0 \u00a0 Sentencia T-1131\/00 \u00a0 ACCION DE TUTELA-Procedencia excepcional pago de salarios \u00a0 DERECHO AL PAGO OPORTUNO DEL SALARIO-Fundamental \u00a0 DERECHO DE PETICION-Alcance\/DERECHO DE PETICION-N\u00facleo esencial \u00a0 DERECHO A LA VIDA-Traslado de docente amenazado \u00a0 ACTO DISCRECIONAL DE LA ADMINISTRACION-Deja de serlo cuando existe amenaza contra vida de empleados\/DERECHO A LA VIDA-Traslado de trabajadores \u00a0 Referencia: expediente T- 315.056 \u00a0 Acci\u00f3n de tutela instaurada por Federico Ernesto Fern\u00e1ndez Mel\u00e9ndez contra el Alcalde Municipal de Caimito (Sucre). \u00a0 Magistrado Ponente:\u00a0 \u00a0 Dr. ALEJANDRO MART\u00cdNEZ CABALLERO \u00a0 Bogot\u00e1, Agosto veinticinco (25) de dos mil (2000) \u00a0 La Sala Sexta de Revisi\u00f3n de ...<br \/><div class=\"pt-cv-rmwrap\"><a href=\"https:\/\/www.dmsjuridica.com\/buscador_20179478954\/corteconstitucionalcronologico202454587\/t-1131-00\/\" class=\"_self pt-cv-readmore btn btn-success\" target=\"_self\">Ver Sentencia Completa...<\/a><\/div><\/div><\/div><\/div>\n<div class=\"col-md-12 col-sm-12 col-xs-12 pt-cv-content-item pt-cv-1-col\" ><div class='pt-cv-ifield'><a href=\"https:\/\/www.dmsjuridica.com\/buscador_20179478954\/corteconstitucionalcronologico202454587\/t-1130-00\/\" class=\"_self pt-cv-href-thumbnail pt-cv-thumb-default\" target=\"_self\" ><\/a>\n<div class=\"pt-cv-taxoterm above_title\"><a href='https:\/\/www.dmsjuridica.com\/buscador_20179478954\/corteconstitucionalcronologico202454587\/category\/buscar-en-toda-la-corte\/2000\/tutelas-2000\/' title='Tutelas 2000' class='pt-cv-tax-tutelas-2000'>Tutelas 2000<\/a><\/div>\n<h4 class=\"pt-cv-title\"><a href=\"https:\/\/www.dmsjuridica.com\/buscador_20179478954\/corteconstitucionalcronologico202454587\/t-1130-00\/\" class=\"_self\" target=\"_self\" >T-1130-00<\/a><\/h4>\n<div class=\"pt-cv-content\">\u00a0 \u00a0 Sentencia T-1130\/00 \u00a0 DERECHO A LA SALUD-Conexidad con la vida \u00a0 ENFERMEDADES CATASTROFICAS O RUINOSAS-Periodo m\u00ednimo de cotizaci\u00f3n no es extensivo a casos de urgencia o gravedad \u00a0 URGENCIAS EN ENFERMEDADES DE ALTO COSTO-Atenci\u00f3n inmediata sin tener en cuenta periodo m\u00ednimo de cotizaci\u00f3n ni capacidad de pago \u00a0 ENFERMEDADES CATASTROFICAS O RUINOSAS-Tratamiento de persona de escasos recursos sin cumplir periodo m\u00ednimo de cotizaci\u00f3n \u00a0 ENTIDAD PROMOTORA DE SALUD-Repetici\u00f3n contra el FOSYGA \u00a0 Referencia: expediente T-289.118 \u00a0 Acci\u00f3n de Tutela instaurada por Ana Olga \u00a0Torrenegra de Anaya, contra el Seguro Social, \u00a0Seccional Magdalena. \u00a0 Magistrado Ponente: \u00a0 Dr. \u00a0ALVARO ...<br \/><div class=\"pt-cv-rmwrap\"><a href=\"https:\/\/www.dmsjuridica.com\/buscador_20179478954\/corteconstitucionalcronologico202454587\/t-1130-00\/\" class=\"_self pt-cv-readmore btn btn-success\" target=\"_self\">Ver Sentencia Completa...<\/a><\/div><\/div><\/div><\/div>\n<div class=\"col-md-12 col-sm-12 col-xs-12 pt-cv-content-item pt-cv-1-col\" ><div class='pt-cv-ifield'><a href=\"https:\/\/www.dmsjuridica.com\/buscador_20179478954\/corteconstitucionalcronologico202454587\/t-1129-00\/\" class=\"_self pt-cv-href-thumbnail pt-cv-thumb-default\" target=\"_self\" ><\/a>\n<div class=\"pt-cv-taxoterm above_title\"><a href='https:\/\/www.dmsjuridica.com\/buscador_20179478954\/corteconstitucionalcronologico202454587\/category\/buscar-en-toda-la-corte\/2000\/tutelas-2000\/' title='Tutelas 2000' class='pt-cv-tax-tutelas-2000'>Tutelas 2000<\/a><\/div>\n<h4 class=\"pt-cv-title\"><a href=\"https:\/\/www.dmsjuridica.com\/buscador_20179478954\/corteconstitucionalcronologico202454587\/t-1129-00\/\" class=\"_self\" target=\"_self\" >T-1129-00<\/a><\/h4>\n<div class=\"pt-cv-content\">\u00a0 \u00a0 Sentencia T-1129\/00 \u00a0 ACCION DE TUTELA COMO MECANISMO TRANSITORIO-Improcedencia incremento salarial para servidores p\u00fablicos \u00a0 Reiteraci\u00f3n de Jurisprudencia \u00a0 Referencia: expedientes T-309161, T-309252, T-309281, T-309282, T-309283, T-309284, T-309285, T-309286, T-309396, T-309398, T-309399, T-309401, T-309402, T-309403, T-309418, T-309420, T-309461, T-309506, T-309597, T-309599, T-309645, T-309646, T-309647, T-309648, T-310121, T-310122, T-310128, T-310129, T-310130, T-310148, T-310149, T-310204, T-310254, T-310259, T-310260, T-310293, T-310456, T-310639, T-310663, T-310816, T-310819, T-310848. \u00a0 Peticionario: Adriana Rojas Ort\u00edz y otros. \u00a0 Magistrado Ponente: \u00a0 Dr. EDUARDO CIFUENTES MU\u00d1OZ \u00a0 Santa Fe de Bogot\u00e1, D.C., veintiocho (28) de agosto de dos mil (2000). \u00a0 Los demandantes aducen que, pese ...<br \/><div class=\"pt-cv-rmwrap\"><a href=\"https:\/\/www.dmsjuridica.com\/buscador_20179478954\/corteconstitucionalcronologico202454587\/t-1129-00\/\" class=\"_self pt-cv-readmore btn btn-success\" target=\"_self\">Ver Sentencia Completa...<\/a><\/div><\/div><\/div><\/div>\n<div class=\"col-md-12 col-sm-12 col-xs-12 pt-cv-content-item pt-cv-1-col\" ><div class='pt-cv-ifield'><a href=\"https:\/\/www.dmsjuridica.com\/buscador_20179478954\/corteconstitucionalcronologico202454587\/t-1128-00\/\" class=\"_self pt-cv-href-thumbnail pt-cv-thumb-default\" target=\"_self\" ><\/a>\n<div class=\"pt-cv-taxoterm above_title\"><a href='https:\/\/www.dmsjuridica.com\/buscador_20179478954\/corteconstitucionalcronologico202454587\/category\/buscar-en-toda-la-corte\/2000\/tutelas-2000\/' title='Tutelas 2000' class='pt-cv-tax-tutelas-2000'>Tutelas 2000<\/a><\/div>\n<h4 class=\"pt-cv-title\"><a href=\"https:\/\/www.dmsjuridica.com\/buscador_20179478954\/corteconstitucionalcronologico202454587\/t-1128-00\/\" class=\"_self\" target=\"_self\" >T-1128-00<\/a><\/h4>\n<div class=\"pt-cv-content\">\u00a0 \u00a0 Sentencia T-1128\/00 \u00a0 ACCION DE TUTELA-Procedencia excepcional pago de salarios \u00a0 DERECHO AL MINIMO VITAL DEL TRABAJADOR-Pago oportuno de salarios \u00a0 Referencia: expedientes T-301.126, T-301.606, T-301.766, T-304.103, T-304.136, T-304.137, T-307.030, T-307.031, T-307.035, T-307.038, T-307.039, T-307.110, T-307.148, T-307.522, T-308.092, T-308.608, T-310.391, T-311.376, T-311.816, T-312.879, T-315.120, T-315.119, T-318.786, T-318.828 y T-319.533 (acumulados) \u00a0 Magistrado Ponente:\u00a0 \u00a0 Dr. ALEJANDRO MART\u00cdNEZ CABALLERO \u00a0 Bogot\u00e1, veinticinco (25) de agosto de dos mil (2000) \u00a0 La Sala Sexta de Revisi\u00f3n de la Corte Constitucional, en ejercicio de sus competencias constitucionales y legales, ha proferido Sentencia en las acciones de tutela interpuestas, en forma independiente, ...<br \/><div class=\"pt-cv-rmwrap\"><a href=\"https:\/\/www.dmsjuridica.com\/buscador_20179478954\/corteconstitucionalcronologico202454587\/t-1128-00\/\" class=\"_self pt-cv-readmore btn btn-success\" target=\"_self\">Ver Sentencia Completa...<\/a><\/div><\/div><\/div><\/div>\n<div class=\"col-md-12 col-sm-12 col-xs-12 pt-cv-content-item pt-cv-1-col\" ><div class='pt-cv-ifield'><a href=\"https:\/\/www.dmsjuridica.com\/buscador_20179478954\/corteconstitucionalcronologico202454587\/t-1127-00\/\" class=\"_self pt-cv-href-thumbnail pt-cv-thumb-default\" target=\"_self\" ><\/a>\n<div class=\"pt-cv-taxoterm above_title\"><a href='https:\/\/www.dmsjuridica.com\/buscador_20179478954\/corteconstitucionalcronologico202454587\/category\/buscar-en-toda-la-corte\/2000\/tutelas-2000\/' title='Tutelas 2000' class='pt-cv-tax-tutelas-2000'>Tutelas 2000<\/a><\/div>\n<h4 class=\"pt-cv-title\"><a href=\"https:\/\/www.dmsjuridica.com\/buscador_20179478954\/corteconstitucionalcronologico202454587\/t-1127-00\/\" class=\"_self\" target=\"_self\" >T-1127-00<\/a><\/h4>\n<div class=\"pt-cv-content\">\u00a0 \u00a0 Sentencia T-1127\/00 \u00a0 DEBIDO PROCESO-Improcedencia de violaci\u00f3n por aprehensi\u00f3n de mercanc\u00edas por la DIAN \u00a0 No aparece en el expediente ninguna violaci\u00f3n del debido proceso, pues la DIAN ha seguido los pasos previstos por la normatividad que regula los procedimientos en caso de aprehensi\u00f3n de mercanc\u00edas. Adem\u00e1s, los documentos aportados por el peticionario no demuestran plenamente que la actuaci\u00f3n de la DIAN haya sido arbitraria, pues tales documentos tienen como fecha de elaboraci\u00f3n y utilizaci\u00f3n el d\u00eda 1\u00b0 de Octubre de 1999, por lo cual esa documentaci\u00f3n no amparaba la mercanc\u00eda que fue transportada y aprehendida el 7 ...<br \/><div class=\"pt-cv-rmwrap\"><a href=\"https:\/\/www.dmsjuridica.com\/buscador_20179478954\/corteconstitucionalcronologico202454587\/t-1127-00\/\" class=\"_self pt-cv-readmore btn btn-success\" target=\"_self\">Ver Sentencia Completa...<\/a><\/div><\/div><\/div><\/div>\n<div class=\"col-md-12 col-sm-12 col-xs-12 pt-cv-content-item pt-cv-1-col\" ><div class='pt-cv-ifield'><a href=\"https:\/\/www.dmsjuridica.com\/buscador_20179478954\/corteconstitucionalcronologico202454587\/t-1126-00\/\" class=\"_self pt-cv-href-thumbnail pt-cv-thumb-default\" target=\"_self\" ><\/a>\n<div class=\"pt-cv-taxoterm above_title\"><a href='https:\/\/www.dmsjuridica.com\/buscador_20179478954\/corteconstitucionalcronologico202454587\/category\/buscar-en-toda-la-corte\/2000\/tutelas-2000\/' title='Tutelas 2000' class='pt-cv-tax-tutelas-2000'>Tutelas 2000<\/a><\/div>\n<h4 class=\"pt-cv-title\"><a href=\"https:\/\/www.dmsjuridica.com\/buscador_20179478954\/corteconstitucionalcronologico202454587\/t-1126-00\/\" class=\"_self\" target=\"_self\" >T-1126-00<\/a><\/h4>\n<div class=\"pt-cv-content\">\u00a0 \u00a0 Sentencia T-1126\/00 \u00a0 MUJER EMBARAZADA-Protecci\u00f3n laboral\/DESPIDO DE MUJER EMBARAZADA SIN AUTORIZACION PREVIA-Ineficacia \u00a0 ACCION DE TUTELA TRANSITORIA DEL DERECHO A LA ESTABILIDAD LABORAL REFORZADA DE MUJER EMBARAZADA-Elementos f\u00e1cticos que deben demostrarse \u00a0 MUJER EMBARAZADA EN CONTRATO A TERMINO FIJO-Protecci\u00f3n \u00a0 MUJER TRABAJADORA EMBARAZADA-Informaci\u00f3n oportuna al empleador sobre su estado \u00a0 Referencia: expediente T-314658 \u00a0 Peticionaria: Olga Luc\u00eda V\u00e9lez Ciclo \u00a0 Magistrado Ponente:\u00a0 \u00a0 Dr. ALEJANDRO MART\u00cdNEZ CABALLERO \u00a0 Bogot\u00e1, \u00a0 veinticinco (25) de agosto de dos mil (2000) \u00a0 La Sala Sexta de Revisi\u00f3n de la Corte Constitucional, en ejercicio de sus competencias constitucionales y legales, ha proferido ...<br \/><div class=\"pt-cv-rmwrap\"><a href=\"https:\/\/www.dmsjuridica.com\/buscador_20179478954\/corteconstitucionalcronologico202454587\/t-1126-00\/\" class=\"_self pt-cv-readmore btn btn-success\" target=\"_self\">Ver Sentencia Completa...<\/a><\/div><\/div><\/div><\/div>\n<div class=\"col-md-12 col-sm-12 col-xs-12 pt-cv-content-item pt-cv-1-col\" ><div class='pt-cv-ifield'><a href=\"https:\/\/www.dmsjuridica.com\/buscador_20179478954\/corteconstitucionalcronologico202454587\/t-1125-00\/\" class=\"_self pt-cv-href-thumbnail pt-cv-thumb-default\" target=\"_self\" ><\/a>\n<div class=\"pt-cv-taxoterm above_title\"><a href='https:\/\/www.dmsjuridica.com\/buscador_20179478954\/corteconstitucionalcronologico202454587\/category\/buscar-en-toda-la-corte\/2000\/tutelas-2000\/' title='Tutelas 2000' class='pt-cv-tax-tutelas-2000'>Tutelas 2000<\/a><\/div>\n<h4 class=\"pt-cv-title\"><a href=\"https:\/\/www.dmsjuridica.com\/buscador_20179478954\/corteconstitucionalcronologico202454587\/t-1125-00\/\" class=\"_self\" target=\"_self\" >T-1125-00<\/a><\/h4>\n<div class=\"pt-cv-content\">\u00a0 \u00a0 Sentencia T-1125\/00 \u00a0 DERECHO A LA SALUD-Fundamental por conexidad con la vida \u00a0 ENFERMEDADES CATASTROFICAS O RUINOSAS-Tratamiento de persona de escasos recursos sin cumplir periodo m\u00ednimo de cotizaci\u00f3n\/ENTIDAD PROMOTORA DE SALUD-Tratamiento de persona de escasos recursos sin cumplir periodo m\u00ednimo de cotizaci\u00f3n \u00a0 ENTIDAD PROMOTORA DE SALUD-Repetici\u00f3n contra el FOSYGA \u00a0 Referencia: expediente T-314166 \u00a0 Actor: Juan Guillermo Restrepo D\u00edaz \u00a0 Juzgado de origen: Juzgado 18 Penal del Circuito de Medell\u00edn. \u00a0 Magistrado Ponente: \u00a0 Dr. ALEJANDRO MARTINEZ CABALLERO \u00a0 Santa Fe de Bogot\u00e1, D.C., veinticinco (25) de agosto de dos \u00a0mil (2000). \u00a0 La Sala S\u00e9ptima de ...<br \/><div class=\"pt-cv-rmwrap\"><a href=\"https:\/\/www.dmsjuridica.com\/buscador_20179478954\/corteconstitucionalcronologico202454587\/t-1125-00\/\" class=\"_self pt-cv-readmore btn btn-success\" target=\"_self\">Ver Sentencia Completa...<\/a><\/div><\/div><\/div><\/div>\n<div class=\"col-md-12 col-sm-12 col-xs-12 pt-cv-content-item pt-cv-1-col\" ><div class='pt-cv-ifield'><a href=\"https:\/\/www.dmsjuridica.com\/buscador_20179478954\/corteconstitucionalcronologico202454587\/t-1124-00\/\" class=\"_self pt-cv-href-thumbnail pt-cv-thumb-default\" target=\"_self\" ><\/a>\n<div class=\"pt-cv-taxoterm above_title\"><a href='https:\/\/www.dmsjuridica.com\/buscador_20179478954\/corteconstitucionalcronologico202454587\/category\/buscar-en-toda-la-corte\/2000\/tutelas-2000\/' title='Tutelas 2000' class='pt-cv-tax-tutelas-2000'>Tutelas 2000<\/a><\/div>\n<h4 class=\"pt-cv-title\"><a href=\"https:\/\/www.dmsjuridica.com\/buscador_20179478954\/corteconstitucionalcronologico202454587\/t-1124-00\/\" class=\"_self\" target=\"_self\" >T-1124-00<\/a><\/h4>\n<div class=\"pt-cv-content\">\u00a0 \u00a0 Sentencia T-1124\/00 \u00a0 DERECHO A LA SALUD-Fundamental por conexidad con la vida \u00a0 ACCION DE TUTELA-Improcedencia por no configurarse elementos de juicio para suministro de tratamiento m\u00e9dico por EPS \u00a0 SERVICIO DE SALUD-Conflictos entre EPS no pueden condicionar acceso al servicio \u00a0 No resulta razonable que un pensionado, que desea afiliarse al sistema de seguridad social en salud, y que por ende voluntariamente est\u00e1 dispuesto a hacer las contribuciones para tal efecto, sin embargo no lo logre hacer, por las disputas que existen entre dos EPS, sin que los argumentos de las dos entidades sean totalmente claros. As\u00ed, ...<br \/><div class=\"pt-cv-rmwrap\"><a href=\"https:\/\/www.dmsjuridica.com\/buscador_20179478954\/corteconstitucionalcronologico202454587\/t-1124-00\/\" class=\"_self pt-cv-readmore btn btn-success\" target=\"_self\">Ver Sentencia Completa...<\/a><\/div><\/div><\/div><\/div>\n<div class=\"col-md-12 col-sm-12 col-xs-12 pt-cv-content-item pt-cv-1-col\" ><div class='pt-cv-ifield'><a href=\"https:\/\/www.dmsjuridica.com\/buscador_20179478954\/corteconstitucionalcronologico202454587\/t-1123-00\/\" class=\"_self pt-cv-href-thumbnail pt-cv-thumb-default\" target=\"_self\" ><\/a>\n<div class=\"pt-cv-taxoterm above_title\"><a href='https:\/\/www.dmsjuridica.com\/buscador_20179478954\/corteconstitucionalcronologico202454587\/category\/buscar-en-toda-la-corte\/2000\/tutelas-2000\/' title='Tutelas 2000' class='pt-cv-tax-tutelas-2000'>Tutelas 2000<\/a><\/div>\n<h4 class=\"pt-cv-title\"><a href=\"https:\/\/www.dmsjuridica.com\/buscador_20179478954\/corteconstitucionalcronologico202454587\/t-1123-00\/\" class=\"_self\" target=\"_self\" >T-1123-00<\/a><\/h4>\n<div class=\"pt-cv-content\">\u00a0 \u00a0 Sentencia T-1123\/00 \u00a0 ENTIDAD PROMOTORA DE SALUD-Repetici\u00f3n contra el Estado \u00a0 PLAN OBLIGATORIO DE SALUD-Exclusiones y limitaciones \u00a0 DIGNIDAD HUMANA-Alcance \u00a0 ACCION DE TUTELA-Improcedencia por no configurarse elementos de juicio para entregar pr\u00f3tesis y medicamentos que no figuran en el POS \u00a0 Referencia: expediente T- 314734 \u00a0 \u00a0 \u00a0 Acci\u00f3n de tutela instaurada por Diego Giraldo vs. Coomeva EPS \u00a0 Procedencia: Juzgado 10 Penal del Circuito de Medell\u00edn \u00a0 Magistrado Ponente: \u00a0 Dr. ALEJANDRO MARTINEZ CABALLERO \u00a0 Bogot\u00e1, D.C., veinticinco (25) de agosto del dos mil (2.000). \u00a0 La Sala Sexta de Revisi\u00f3n de la Corte Constitucional, integrada ...<br \/><div class=\"pt-cv-rmwrap\"><a href=\"https:\/\/www.dmsjuridica.com\/buscador_20179478954\/corteconstitucionalcronologico202454587\/t-1123-00\/\" class=\"_self pt-cv-readmore btn btn-success\" target=\"_self\">Ver Sentencia Completa...<\/a><\/div><\/div><\/div><\/div>\n<div class=\"col-md-12 col-sm-12 col-xs-12 pt-cv-content-item pt-cv-1-col\" ><div class='pt-cv-ifield'><a href=\"https:\/\/www.dmsjuridica.com\/buscador_20179478954\/corteconstitucionalcronologico202454587\/t-1122-00\/\" class=\"_self pt-cv-href-thumbnail pt-cv-thumb-default\" target=\"_self\" ><\/a>\n<div class=\"pt-cv-taxoterm above_title\"><a href='https:\/\/www.dmsjuridica.com\/buscador_20179478954\/corteconstitucionalcronologico202454587\/category\/buscar-en-toda-la-corte\/2000\/tutelas-2000\/' title='Tutelas 2000' class='pt-cv-tax-tutelas-2000'>Tutelas 2000<\/a><\/div>\n<h4 class=\"pt-cv-title\"><a href=\"https:\/\/www.dmsjuridica.com\/buscador_20179478954\/corteconstitucionalcronologico202454587\/t-1122-00\/\" class=\"_self\" target=\"_self\" >T-1122-00<\/a><\/h4>\n<div class=\"pt-cv-content\">\u00a0 \u00a0 Sentencia T-1122\/00 \u00a0 PENSION DE VEJEZ-R\u00e9gimen de transici\u00f3n \u00a0 DERECHO DE PETICION-Pronta resoluci\u00f3n solicitud reconocimiento de pensi\u00f3n \u00a0 Referencia: expediente T-313231 \u00a0 Acci\u00f3n de tutela instauradas por Reynaldo Scheneider vs. ISS \u00a0 Procedencia: Juzgado 3\u00b0 Laboral de Bucaramanga \u00a0 Magistrado Ponente: \u00a0 Dr. ALEJANDRO MARTINEZ CABALLERO \u00a0 Bogot\u00e1, D.C., veinticinco (25) de agosto de 2000. \u00a0 La Sala Sexta de Revisi\u00f3n de la Corte Constitucional, integrada por los Magistrados doctores Fabio Mor\u00f3n D\u00edaz, Vladimiro Naranjo Mesa y Alejandro Mart\u00ednez Caballero, en ejercicio de sus competencias constitucionales y legales, ha proferido la siguiente\u00a0 \u00a0 SENTENCIA \u00a0 Dentro del proceso ...<br \/><div class=\"pt-cv-rmwrap\"><a href=\"https:\/\/www.dmsjuridica.com\/buscador_20179478954\/corteconstitucionalcronologico202454587\/t-1122-00\/\" class=\"_self pt-cv-readmore btn btn-success\" target=\"_self\">Ver Sentencia Completa...<\/a><\/div><\/div><\/div><\/div>\n<div class=\"col-md-12 col-sm-12 col-xs-12 pt-cv-content-item pt-cv-1-col\" ><div class='pt-cv-ifield'><a href=\"https:\/\/www.dmsjuridica.com\/buscador_20179478954\/corteconstitucionalcronologico202454587\/t-1121-00\/\" class=\"_self pt-cv-href-thumbnail pt-cv-thumb-default\" target=\"_self\" ><\/a>\n<div class=\"pt-cv-taxoterm above_title\"><a href='https:\/\/www.dmsjuridica.com\/buscador_20179478954\/corteconstitucionalcronologico202454587\/category\/buscar-en-toda-la-corte\/2000\/tutelas-2000\/' title='Tutelas 2000' class='pt-cv-tax-tutelas-2000'>Tutelas 2000<\/a><\/div>\n<h4 class=\"pt-cv-title\"><a href=\"https:\/\/www.dmsjuridica.com\/buscador_20179478954\/corteconstitucionalcronologico202454587\/t-1121-00\/\" class=\"_self\" target=\"_self\" >T-1121-00<\/a><\/h4>\n<div class=\"pt-cv-content\">\u00a0 \u00a0 Sentencia T-1121\/00 \u00a0 MUJER EMBARAZADA-Protecci\u00f3n constitucional especial\/MUJER TRABAJADORA EMBARAZADA-Protecci\u00f3n laboral \u00a0 DERECHO A LA ESTABILIDAD LABORAL REFORZADA DE MUJER EMBARAZADA-Protecci\u00f3n \u00a0 MUJER TRABAJADORA EMBARAZADA-Informaci\u00f3n oportuna al empleador sobre su estado \u00a0 Referencia: expediente T-315086 \u00a0 Accionante: Lady Karin Franco Paredes.\u00a0 \u00a0 Procedencia: Juzgado Octavo Laboral del Circuito de Bogot\u00e1. \u00a0 Magistrado Ponente: \u00a0 Dr. ALEJANDRO MARTINEZ CABALLERO \u00a0 Bogot\u00e1, D.C., \u00a0veinticinco (25) de agosto de dos mil (2000).\u00a0 \u00a0 La Sala Sexta de Revisi\u00f3n de la Corte Constitucional, integrada por los Magistrados doctores Fabio Mor\u00f3n D\u00edaz, Vladimiro Naranjo Mesa y Alejandro Mart\u00ednez Caballero, quien la preside, en ejercicio ...<br \/><div class=\"pt-cv-rmwrap\"><a href=\"https:\/\/www.dmsjuridica.com\/buscador_20179478954\/corteconstitucionalcronologico202454587\/t-1121-00\/\" class=\"_self pt-cv-readmore btn btn-success\" target=\"_self\">Ver Sentencia Completa...<\/a><\/div><\/div><\/div><\/div>\n<div class=\"col-md-12 col-sm-12 col-xs-12 pt-cv-content-item pt-cv-1-col\" ><div class='pt-cv-ifield'><a href=\"https:\/\/www.dmsjuridica.com\/buscador_20179478954\/corteconstitucionalcronologico202454587\/t-1120-00\/\" class=\"_self pt-cv-href-thumbnail pt-cv-thumb-default\" target=\"_self\" ><\/a>\n<div class=\"pt-cv-taxoterm above_title\"><a href='https:\/\/www.dmsjuridica.com\/buscador_20179478954\/corteconstitucionalcronologico202454587\/category\/buscar-en-toda-la-corte\/2000\/tutelas-2000\/' title='Tutelas 2000' class='pt-cv-tax-tutelas-2000'>Tutelas 2000<\/a><\/div>\n<h4 class=\"pt-cv-title\"><a href=\"https:\/\/www.dmsjuridica.com\/buscador_20179478954\/corteconstitucionalcronologico202454587\/t-1120-00\/\" class=\"_self\" target=\"_self\" >T-1120-00<\/a><\/h4>\n<div class=\"pt-cv-content\">\u00a0 \u00a0 Sentencia T-1120\/00 \u00a0 INAPLICACION DE NORMAS DEL PLAN OBLIGATORIO DE SALUD-Casos en que procede por exclusi\u00f3n de tratamientos y medicamentos de alto costo \u00a0 DERECHO A LA VIDA-Suministro de tratamiento no incluido en el POS\/ENTIDAD PROMOTORA DE SALUD-Repetici\u00f3n contra el FOSYGA \u00a0 Referencia: expediente T-315237 \u00a0 Procedencia: Juzgado 12 Civil del Circuito de Cali. \u00a0 \u00a0 \u00a0 Actor: Jacinta P\u00e1ez de Saavedra. \u00a0 Magistrado Ponente: \u00a0 Dr. ALEJANDRO MARTINEZ CABALLERO \u00a0 Santa Fe de Bogot\u00e1, D.C., veinticinco (25) de agosto de dos mil (2.000). \u00a0 La Sala Sexta de Revisi\u00f3n de la Corte Constitucional, integrada por los Magistrados ...<br \/><div class=\"pt-cv-rmwrap\"><a href=\"https:\/\/www.dmsjuridica.com\/buscador_20179478954\/corteconstitucionalcronologico202454587\/t-1120-00\/\" class=\"_self pt-cv-readmore btn btn-success\" target=\"_self\">Ver Sentencia Completa...<\/a><\/div><\/div><\/div><\/div>\n<div class=\"col-md-12 col-sm-12 col-xs-12 pt-cv-content-item pt-cv-1-col\" ><div class='pt-cv-ifield'><a href=\"https:\/\/www.dmsjuridica.com\/buscador_20179478954\/corteconstitucionalcronologico202454587\/t-1119-00\/\" class=\"_self pt-cv-href-thumbnail pt-cv-thumb-default\" target=\"_self\" ><\/a>\n<div class=\"pt-cv-taxoterm above_title\"><a href='https:\/\/www.dmsjuridica.com\/buscador_20179478954\/corteconstitucionalcronologico202454587\/category\/buscar-en-toda-la-corte\/2000\/tutelas-2000\/' title='Tutelas 2000' class='pt-cv-tax-tutelas-2000'>Tutelas 2000<\/a><\/div>\n<h4 class=\"pt-cv-title\"><a href=\"https:\/\/www.dmsjuridica.com\/buscador_20179478954\/corteconstitucionalcronologico202454587\/t-1119-00\/\" class=\"_self\" target=\"_self\" >T-1119-00<\/a><\/h4>\n<div class=\"pt-cv-content\">\u00a0 \u00a0 Sentencia T-1119\/00 \u00a0 ACCION DE TUTELA-Procedencia excepcional pago de salarios \u00a0 DERECHO AL MINIMO VITAL DEL TRABAJADOR-Pago oportuno de salarios \u00a0 EMPLEADOR-Situaci\u00f3n econ\u00f3mica o presupuestal no es \u00f3bice para desconocer pago de salarios \u00a0 MEDIO DE DEFENSA JUDICIAL-Pago de acreencias laborales \u00a0 Referencia: expediente T-313392 \u00a0 Accionante: Eucaris de Jes\u00fas Rom\u00e1n Toro \u00a0 \u00a0 \u00a0 Magistrado Ponente: \u00a0 Dr. ALEJANDRO MARTINEZ CABALLERO \u00a0 Bogot\u00e1, D.C., veinticinco (25) de agosto de dos mil (2.000). \u00a0 La Sala Sexta de Revisi\u00f3n de la Corte Constitucional, integrada por los Magistrados doctores Alejandro Mart\u00ednez Caballero, Fabio Mor\u00f3n D\u00edaz y Vladimiro Naranjo Mesa, ...<br \/><div class=\"pt-cv-rmwrap\"><a href=\"https:\/\/www.dmsjuridica.com\/buscador_20179478954\/corteconstitucionalcronologico202454587\/t-1119-00\/\" class=\"_self pt-cv-readmore btn btn-success\" target=\"_self\">Ver Sentencia Completa...<\/a><\/div><\/div><\/div><\/div>\n<div class=\"col-md-12 col-sm-12 col-xs-12 pt-cv-content-item pt-cv-1-col\" ><div class='pt-cv-ifield'><a href=\"https:\/\/www.dmsjuridica.com\/buscador_20179478954\/corteconstitucionalcronologico202454587\/t-1118-00\/\" class=\"_self pt-cv-href-thumbnail pt-cv-thumb-default\" target=\"_self\" ><\/a>\n<div class=\"pt-cv-taxoterm above_title\"><a href='https:\/\/www.dmsjuridica.com\/buscador_20179478954\/corteconstitucionalcronologico202454587\/category\/buscar-en-toda-la-corte\/2000\/tutelas-2000\/' title='Tutelas 2000' class='pt-cv-tax-tutelas-2000'>Tutelas 2000<\/a><\/div>\n<h4 class=\"pt-cv-title\"><a href=\"https:\/\/www.dmsjuridica.com\/buscador_20179478954\/corteconstitucionalcronologico202454587\/t-1118-00\/\" class=\"_self\" target=\"_self\" >T-1118-00<\/a><\/h4>\n<div class=\"pt-cv-content\">\u00a0 \u00a0 Sentencia T-1118\/00 \u00a0 ACCION DE TUTELA-Procedencia excepcional pago de acreencias laborales \u00a0 DERECHO AL MINIMO VITAL DEL TRABAJADOR-Pago oportuno de salarios \u00a0 DERECHO AL PAGO OPORTUNO DEL SALARIO-No importa modalidad en que se desempe\u00f1e el trabajo \u00a0 DERECHO AL PAGO OPORTUNO DEL SALARIO-Valoraci\u00f3n cualitativa \u00a0 La idea o principio que anima la garant\u00eda de percibir los salarios y las dem\u00e1s acreencias laborales, se asienta en una valoraci\u00f3n cualitativa, antes que en una consideraci\u00f3n meramente cuantitativa. Las aspiraciones del trabajador a un mejor nivel de vida, y las posibilidades de planear la distribuci\u00f3n de sus ingresos, \u00a0todo a partir ...<br \/><div class=\"pt-cv-rmwrap\"><a href=\"https:\/\/www.dmsjuridica.com\/buscador_20179478954\/corteconstitucionalcronologico202454587\/t-1118-00\/\" class=\"_self pt-cv-readmore btn btn-success\" target=\"_self\">Ver Sentencia Completa...<\/a><\/div><\/div><\/div><\/div>\n<div class=\"col-md-12 col-sm-12 col-xs-12 pt-cv-content-item pt-cv-1-col\" ><div class='pt-cv-ifield'><a href=\"https:\/\/www.dmsjuridica.com\/buscador_20179478954\/corteconstitucionalcronologico202454587\/t-1117-00\/\" class=\"_self pt-cv-href-thumbnail pt-cv-thumb-default\" target=\"_self\" ><\/a>\n<div class=\"pt-cv-taxoterm above_title\"><a href='https:\/\/www.dmsjuridica.com\/buscador_20179478954\/corteconstitucionalcronologico202454587\/category\/buscar-en-toda-la-corte\/2000\/tutelas-2000\/' title='Tutelas 2000' class='pt-cv-tax-tutelas-2000'>Tutelas 2000<\/a><\/div>\n<h4 class=\"pt-cv-title\"><a href=\"https:\/\/www.dmsjuridica.com\/buscador_20179478954\/corteconstitucionalcronologico202454587\/t-1117-00\/\" class=\"_self\" target=\"_self\" >T-1117-00<\/a><\/h4>\n<div class=\"pt-cv-content\">\u00a0 \u00a0 Sentencia T-1117\/00 \u00a0 MADRE COMUNITARIA-Vinculaci\u00f3n a r\u00e9gimen subsidiado\/LICENCIA DE MATERNIDAD DE MADRES COMUNITARIAS-Improcedencia de pago por vinculaci\u00f3n a r\u00e9gimen subsidiado \u00a0 Referencia: expediente T-314.922 \u00a0 Magistrado Ponente:\u00a0 \u00a0 Dr. ALEJANDRO MART\u00cdNEZ CABALLERO \u00a0 Bogot\u00e1, veinticinco (25) de agosto de dos mil (2000) \u00a0 La Sala Sexta de Revisi\u00f3n de la Corte Constitucional, en ejercicio de sus competencias constitucionales y legales, ha proferido Sentencia en la acci\u00f3n de tutela interpuesta por Brunilda Isabel Medina Villareal contra el Seguro Social \u00a0 I. ANTECEDENTES \u00a0 1. Los hechos \u00a0 - La actora fue afiliada al Seguro Social, como integrante de la ...<br \/><div class=\"pt-cv-rmwrap\"><a href=\"https:\/\/www.dmsjuridica.com\/buscador_20179478954\/corteconstitucionalcronologico202454587\/t-1117-00\/\" class=\"_self pt-cv-readmore btn btn-success\" target=\"_self\">Ver Sentencia Completa...<\/a><\/div><\/div><\/div><\/div>\n<div class=\"col-md-12 col-sm-12 col-xs-12 pt-cv-content-item pt-cv-1-col\" ><div class='pt-cv-ifield'><a href=\"https:\/\/www.dmsjuridica.com\/buscador_20179478954\/corteconstitucionalcronologico202454587\/t-1116-00\/\" class=\"_self pt-cv-href-thumbnail pt-cv-thumb-default\" target=\"_self\" ><\/a>\n<div class=\"pt-cv-taxoterm above_title\"><a href='https:\/\/www.dmsjuridica.com\/buscador_20179478954\/corteconstitucionalcronologico202454587\/category\/buscar-en-toda-la-corte\/2000\/tutelas-2000\/' title='Tutelas 2000' class='pt-cv-tax-tutelas-2000'>Tutelas 2000<\/a><\/div>\n<h4 class=\"pt-cv-title\"><a href=\"https:\/\/www.dmsjuridica.com\/buscador_20179478954\/corteconstitucionalcronologico202454587\/t-1116-00\/\" class=\"_self\" target=\"_self\" >T-1116-00<\/a><\/h4>\n<div class=\"pt-cv-content\">\u00a0 \u00a0 Sentencia T-1116\/00 \u00a0 DERECHOS ADQUIRIDOS-Protecci\u00f3n\/PRINCIPIO DE FAVORABILIDAD LABORAL-Reg\u00edmenes de transici\u00f3n y especiales \u00a0 PERJUICIO IRREMEDIABLE-Vida probable \u00a0 MEDIO DE DEFENSA JUDICIAL-Reajuste pensional \u00a0 ACCION DE TUTELA-Improcedencia general reajuste o reliquidaci\u00f3n pensional \u00a0 Referencia: expediente T- 315057 \u00a0 \u00a0 \u00a0 Acci\u00f3n de tutela instaurada por Alvaro P\u00e9rez Morales contra la Caja Nacional de Previsi\u00f3n \u00a0 Procedencia: Juzgado 1\u00ba Promiscuo del Circuito de Corozal \u00a0 Magistrado Ponente: \u00a0 Dr. ALEJANDRO MARTINEZ CABALLERO \u00a0 La Sala Sexta de Revisi\u00f3n de la Corte Constitucional, integrada por los Magistrados doctores Alejandro Mart\u00ednez Caballero, Fabio Mor\u00f3n D\u00edaz y Vladimiro Naranjo Mesa, en ejercicio de ...<br \/><div class=\"pt-cv-rmwrap\"><a href=\"https:\/\/www.dmsjuridica.com\/buscador_20179478954\/corteconstitucionalcronologico202454587\/t-1116-00\/\" class=\"_self pt-cv-readmore btn btn-success\" target=\"_self\">Ver Sentencia Completa...<\/a><\/div><\/div><\/div><\/div>\n<div class=\"col-md-12 col-sm-12 col-xs-12 pt-cv-content-item pt-cv-1-col\" ><div class='pt-cv-ifield'><a href=\"https:\/\/www.dmsjuridica.com\/buscador_20179478954\/corteconstitucionalcronologico202454587\/t-1115-00\/\" class=\"_self pt-cv-href-thumbnail pt-cv-thumb-default\" target=\"_self\" ><\/a>\n<div class=\"pt-cv-taxoterm above_title\"><a href='https:\/\/www.dmsjuridica.com\/buscador_20179478954\/corteconstitucionalcronologico202454587\/category\/buscar-en-toda-la-corte\/2000\/tutelas-2000\/' title='Tutelas 2000' class='pt-cv-tax-tutelas-2000'>Tutelas 2000<\/a><\/div>\n<h4 class=\"pt-cv-title\"><a href=\"https:\/\/www.dmsjuridica.com\/buscador_20179478954\/corteconstitucionalcronologico202454587\/t-1115-00\/\" class=\"_self\" target=\"_self\" >T-1115-00<\/a><\/h4>\n<div class=\"pt-cv-content\">\u00a0 \u00a0 Sentencia T-1115\/00 \u00a0 ACCION DE TUTELA-Procedencia excepcional pago de salarios \u00a0 DERECHO AL PAGO OPORTUNO DEL SALARIO-Fundamental \u00a0 DERECHO AL MINIMO VITAL DEL TRABAJADOR-Pago oportuno de salarios \u00a0 EMPLEADOR-Situaci\u00f3n econ\u00f3mica o presupuestal no es \u00f3bice para desconocer pago de salarios \u00a0 Referencia: expedientes T-310.480, T-310.481, T-312.391, T-312.960, T-314.449, T-314.450, T-314.474, T-314.475, T-314.476 y T-314.854 (acumulados) \u00a0 Magistrado Ponente:\u00a0 \u00a0 Dr. ALEJANDRO MART\u00cdNEZ CABALLERO \u00a0 Bogot\u00e1, veinticinco (25) de agosto de dos mil (2000) \u00a0 La Sala Sexta de Revisi\u00f3n de la Corte Constitucional, en ejercicio de sus competencias constitucionales y legales, ha proferido Sentencia en las acciones de ...<br \/><div class=\"pt-cv-rmwrap\"><a href=\"https:\/\/www.dmsjuridica.com\/buscador_20179478954\/corteconstitucionalcronologico202454587\/t-1115-00\/\" class=\"_self pt-cv-readmore btn btn-success\" target=\"_self\">Ver Sentencia Completa...<\/a><\/div><\/div><\/div><\/div>\n<div class=\"col-md-12 col-sm-12 col-xs-12 pt-cv-content-item pt-cv-1-col\" ><div class='pt-cv-ifield'><a href=\"https:\/\/www.dmsjuridica.com\/buscador_20179478954\/corteconstitucionalcronologico202454587\/t-1114-00\/\" class=\"_self pt-cv-href-thumbnail pt-cv-thumb-default\" target=\"_self\" ><\/a>\n<div class=\"pt-cv-taxoterm above_title\"><a href='https:\/\/www.dmsjuridica.com\/buscador_20179478954\/corteconstitucionalcronologico202454587\/category\/buscar-en-toda-la-corte\/2000\/tutelas-2000\/' title='Tutelas 2000' class='pt-cv-tax-tutelas-2000'>Tutelas 2000<\/a><\/div>\n<h4 class=\"pt-cv-title\"><a href=\"https:\/\/www.dmsjuridica.com\/buscador_20179478954\/corteconstitucionalcronologico202454587\/t-1114-00\/\" class=\"_self\" target=\"_self\" >T-1114-00<\/a><\/h4>\n<div class=\"pt-cv-content\">\u00a0 \u00a0 Sentencia T-1114\/00 \u00a0 ACCION DE TUTELA-Procedencia excepcional pago de mesadas pensionales \u00a0 DERECHO AL MINIMO VITAL DEL PENSIONADO-Pago oportuno de mesadas \u00a0 EMPLEADOR-Situaci\u00f3n econ\u00f3mica o presupuestal no es \u00f3bice para desconocer pago de mesadas pensionales \u00a0 Referencia: expediente T-314522 \u00a0 \u00a0 \u00a0 Acci\u00f3n de tutela instaurada por Ana Rosa de Pe\u00f1a vs. Manufacturas met\u00e1licas La Seguridad \u00a0 Procedencia: Juzgado 12 Laboral de Bogot\u00e1 \u00a0 Dr. ALEJANDRO MARTINEZ CABALLERO \u00a0 Bogot\u00e1, D.C., veinticinco (25) de agosto del dos mil (2.000). \u00a0 La Sala Sexta de Revisi\u00f3n de la Corte Constitucional, integrada por los Magistrados doctores Alejandro Mart\u00ednez Caballero, Fabio ...<br \/><div class=\"pt-cv-rmwrap\"><a href=\"https:\/\/www.dmsjuridica.com\/buscador_20179478954\/corteconstitucionalcronologico202454587\/t-1114-00\/\" class=\"_self pt-cv-readmore btn btn-success\" target=\"_self\">Ver Sentencia Completa...<\/a><\/div><\/div><\/div><\/div>\n<div class=\"col-md-12 col-sm-12 col-xs-12 pt-cv-content-item pt-cv-1-col\" ><div class='pt-cv-ifield'><a href=\"https:\/\/www.dmsjuridica.com\/buscador_20179478954\/corteconstitucionalcronologico202454587\/t-1104-00\/\" class=\"_self pt-cv-href-thumbnail pt-cv-thumb-default\" target=\"_self\" ><\/a>\n<div class=\"pt-cv-taxoterm above_title\"><a href='https:\/\/www.dmsjuridica.com\/buscador_20179478954\/corteconstitucionalcronologico202454587\/category\/buscar-en-toda-la-corte\/2000\/tutelas-2000\/' title='Tutelas 2000' class='pt-cv-tax-tutelas-2000'>Tutelas 2000<\/a><\/div>\n<h4 class=\"pt-cv-title\"><a href=\"https:\/\/www.dmsjuridica.com\/buscador_20179478954\/corteconstitucionalcronologico202454587\/t-1104-00\/\" class=\"_self\" target=\"_self\" >T-1104-00<\/a><\/h4>\n<div class=\"pt-cv-content\">\u00a0 \u00a0 Sentencia T-1104\/00 \u00a0 DERECHO A LA SALUD-Car\u00e1cter prestacional \u00a0 DERECHO A LA SALUD-Fundamental por conexidad con la vida\/DERECHO A LA SEGURIDAD SOCIAL-Fundamental por conexidad con la vida \u00a0 MATERNIDAD-Protecci\u00f3n constitucional especial \u00a0 DERECHO A LA ESTABILIDAD LABORAL REFORZADA DE MUJER EMBARAZADA-Protecci\u00f3n constitucional especial \u00a0 CONTRATO DE PRESTACION DE SERVICIOS EN SALUD-Exclusi\u00f3n de tratamiento de fertilidad \u00a0 ACCION DE TUTELA-Hecho consumado \u00a0 Referencia: expediente T-298.342 \u00a0 Peticionario: Luz Aida S\u00e1nchez Hern\u00e1ndez \u00a0 Procedencia: \u00a0 Juzgado Cuarto Laboral del Circuito de Cali \u00a0 Tribunal Superior de Cali, Sala Laboral \u00a0 Magistrado Ponente: \u00a0 Dr. VLADIMIRO NARANJO MESA \u00a0 Santaf\u00e9 de ...<br \/><div class=\"pt-cv-rmwrap\"><a href=\"https:\/\/www.dmsjuridica.com\/buscador_20179478954\/corteconstitucionalcronologico202454587\/t-1104-00\/\" class=\"_self pt-cv-readmore btn btn-success\" target=\"_self\">Ver Sentencia Completa...<\/a><\/div><\/div><\/div><\/div>\n<div class=\"col-md-12 col-sm-12 col-xs-12 pt-cv-content-item pt-cv-1-col\" ><div class='pt-cv-ifield'><a href=\"https:\/\/www.dmsjuridica.com\/buscador_20179478954\/corteconstitucionalcronologico202454587\/t-1103-00\/\" class=\"_self pt-cv-href-thumbnail pt-cv-thumb-default\" target=\"_self\" ><\/a>\n<div class=\"pt-cv-taxoterm above_title\"><a href='https:\/\/www.dmsjuridica.com\/buscador_20179478954\/corteconstitucionalcronologico202454587\/category\/buscar-en-toda-la-corte\/2000\/tutelas-2000\/' title='Tutelas 2000' class='pt-cv-tax-tutelas-2000'>Tutelas 2000<\/a><\/div>\n<h4 class=\"pt-cv-title\"><a href=\"https:\/\/www.dmsjuridica.com\/buscador_20179478954\/corteconstitucionalcronologico202454587\/t-1103-00\/\" class=\"_self\" target=\"_self\" >T-1103-00<\/a><\/h4>\n<div class=\"pt-cv-content\">DERECHO A LA SUSTITUCION PENSIONAL-Fundamental \u00a0 UNION MARITAL DE HECHO\/COMPA\u00d1ERA PERMANENTE-Derechos\/DERECHO A LA IGUALDAD-Identidad de trato para situaciones iguales \u00a0 DERECHO A LA SUSTITUCION PENSIONAL-Igualdad entre c\u00f3nyuge superstite y compa\u00f1era permanente \u00a0 DERECHO A LA SUSTITUCION PENSIONAL-Alcance respecto a compa\u00f1ero permanente \u00a0 DERECHO A LA SUSTITUCION PENSIONAL-Conflictos entre c\u00f3nyuge y compa\u00f1era permanente \u00a0 DERECHO A LA SUSTITUCION PENSIONAL-Convivencia al momento de la muerte \u00a0 ACCION DE TUTELA COMO MECANISMO TRANSITORIO-Reanudaci\u00f3n de pago de mesadas pensionales a compa\u00f1era permanente\/MEDIO DE DEFENSA JUDICIAL-Definici\u00f3n derecho a pensi\u00f3n sustitutiva entre c\u00f3nyuge y compa\u00f1era permanente \u00a0 Reiteraci\u00f3n de Jurisprudencia \u00a0 Referencia: expediente T-270.599 \u00a0 Acci\u00f3n ...<br \/><div class=\"pt-cv-rmwrap\"><a href=\"https:\/\/www.dmsjuridica.com\/buscador_20179478954\/corteconstitucionalcronologico202454587\/t-1103-00\/\" class=\"_self pt-cv-readmore btn btn-success\" target=\"_self\">Ver Sentencia Completa...<\/a><\/div><\/div><\/div><\/div>\n<div class=\"col-md-12 col-sm-12 col-xs-12 pt-cv-content-item pt-cv-1-col\" ><div class='pt-cv-ifield'><a href=\"https:\/\/www.dmsjuridica.com\/buscador_20179478954\/corteconstitucionalcronologico202454587\/t-1102-00\/\" class=\"_self pt-cv-href-thumbnail pt-cv-thumb-default\" target=\"_self\" ><\/a>\n<div class=\"pt-cv-taxoterm above_title\"><a href='https:\/\/www.dmsjuridica.com\/buscador_20179478954\/corteconstitucionalcronologico202454587\/category\/buscar-en-toda-la-corte\/2000\/tutelas-2000\/' title='Tutelas 2000' class='pt-cv-tax-tutelas-2000'>Tutelas 2000<\/a><\/div>\n<h4 class=\"pt-cv-title\"><a href=\"https:\/\/www.dmsjuridica.com\/buscador_20179478954\/corteconstitucionalcronologico202454587\/t-1102-00\/\" class=\"_self\" target=\"_self\" >T-1102-00<\/a><\/h4>\n<div class=\"pt-cv-content\">\u00a0 \u00a0 Sentencia T-1102\/00 \u00a0 SERVICIO PUBLICO DE EDUCACION-Continuidad\/DERECHO A LA EDUCACION DEL NI\u00d1O-Carencia de profesores \u00a0 IGUALDAD DE OPORTUNIDADES DEL NI\u00d1O \u00a0 ACCION DE TUTELA-Hecho superado \u00a0 Reiteraci\u00f3n de Jurisprudencia \u00a0 Referencia: expediente T-273.174 \u00a0 Acci\u00f3n de tutela instaurada por el personero municipal de Tumaco contra el alcalde de ese municipio, el gobernador del departamento de Nari\u00f1o, los Ministerios de Educaci\u00f3n Nacional y de Hacienda y Cr\u00e9dito P\u00fablico y el Departamento Nacional de Planeaci\u00f3n. \u00a0 Magistrado Ponente: \u00a0 Dr. ALVARO TAFUR GALVIS. \u00a0 Santaf\u00e9 de Bogot\u00e1, D.C., veintitr\u00e9s (23) de agosto del a\u00f1o dos mil (2000).\u00a0 \u00a0 La Sala ...<br \/><div class=\"pt-cv-rmwrap\"><a href=\"https:\/\/www.dmsjuridica.com\/buscador_20179478954\/corteconstitucionalcronologico202454587\/t-1102-00\/\" class=\"_self pt-cv-readmore btn btn-success\" target=\"_self\">Ver Sentencia Completa...<\/a><\/div><\/div><\/div><\/div>\n<div class=\"col-md-12 col-sm-12 col-xs-12 pt-cv-content-item pt-cv-1-col\" ><div class='pt-cv-ifield'><a href=\"https:\/\/www.dmsjuridica.com\/buscador_20179478954\/corteconstitucionalcronologico202454587\/t-1101-00\/\" class=\"_self pt-cv-href-thumbnail pt-cv-thumb-default\" target=\"_self\" ><\/a>\n<div class=\"pt-cv-taxoterm above_title\"><a href='https:\/\/www.dmsjuridica.com\/buscador_20179478954\/corteconstitucionalcronologico202454587\/category\/buscar-en-toda-la-corte\/2000\/tutelas-2000\/' title='Tutelas 2000' class='pt-cv-tax-tutelas-2000'>Tutelas 2000<\/a><\/div>\n<h4 class=\"pt-cv-title\"><a href=\"https:\/\/www.dmsjuridica.com\/buscador_20179478954\/corteconstitucionalcronologico202454587\/t-1101-00\/\" class=\"_self\" target=\"_self\" >T-1101-00<\/a><\/h4>\n<div class=\"pt-cv-content\">\u00a0 \u00a0 Sentencia T-1101\/00 \u00a0 EDUCACION-Derecho y servicio p\u00fablico con funci\u00f3n social \u00a0 MATERNIDAD-Protecci\u00f3n \u00a0 REGLAMENTO EDUCATIVO-No puede tipificar como falta el embarazo\/DERECHO A LA EDUCACION DE MUJER EMBARAZADA-Protecci\u00f3n ante centros educativos con determinada visi\u00f3n \u00e9tica o religiosa \u00a0 DERECHO A LA EDUCACION DE MUJER EMBARAZADA-Desescolarizaci\u00f3n\/REGLAMENTO EDUCATIVO-Desescolarizaci\u00f3n por estudiar en embarazo \u00a0 ACCION DE TUTELA-Hecho consumado por reprobaci\u00f3n del a\u00f1o escolar \u00a0 Referencia: expediente T-300.968 \u00a0 Peticionarios: Katherin Yuleima S\u00e1nchez Moreno y otras \u00a0 Procedencia: \u00a0 Juzgado 4\u00ba Penal Municipal de Santaf\u00e9 de Bogot\u00e1 \u00a0 Juzgado 34 Penal del Circuito de Santaf\u00e9 de Bogot\u00e1 \u00a0 Magistrado Ponente: \u00a0 Dr. VLADIMIRO ...<br \/><div class=\"pt-cv-rmwrap\"><a href=\"https:\/\/www.dmsjuridica.com\/buscador_20179478954\/corteconstitucionalcronologico202454587\/t-1101-00\/\" class=\"_self pt-cv-readmore btn btn-success\" target=\"_self\">Ver Sentencia Completa...<\/a><\/div><\/div><\/div><\/div>\n<div class=\"col-md-12 col-sm-12 col-xs-12 pt-cv-content-item pt-cv-1-col\" ><div class='pt-cv-ifield'><a href=\"https:\/\/www.dmsjuridica.com\/buscador_20179478954\/corteconstitucionalcronologico202454587\/t-1100-00\/\" class=\"_self pt-cv-href-thumbnail pt-cv-thumb-default\" target=\"_self\" ><\/a>\n<div class=\"pt-cv-taxoterm above_title\"><a href='https:\/\/www.dmsjuridica.com\/buscador_20179478954\/corteconstitucionalcronologico202454587\/category\/buscar-en-toda-la-corte\/2000\/tutelas-2000\/' title='Tutelas 2000' class='pt-cv-tax-tutelas-2000'>Tutelas 2000<\/a><\/div>\n<h4 class=\"pt-cv-title\"><a href=\"https:\/\/www.dmsjuridica.com\/buscador_20179478954\/corteconstitucionalcronologico202454587\/t-1100-00\/\" class=\"_self\" target=\"_self\" >T-1100-00<\/a><\/h4>\n<div class=\"pt-cv-content\">\u00a0 \u00a0 Sentencia T-1100\/00\u00a0 \u00a0 DERECHO AL PAGO OPORTUNO DEL SALARIO-Fundamental \u00a0 DERECHO AL MINIMO VITAL DEL TRABAJADOR-Pago oportuno de salarios \u00a0 EMPLEADOR-Situaci\u00f3n econ\u00f3mica o presupuestal no es \u00f3bice para desconocer pago de salarios \u00a0 Referencia: expediente T-312139 \u00a0 Accionante: Nicol\u00e1s Gilberto Manjarr\u00e9s Iglesias\u00a0 \u00a0 Magistrado Ponente: \u00a0 Dr. ALEJANDRO MARTINEZ CABALLERO \u00a0 Bogot\u00e1, D.C., dieciocho (18) de agosto de dos mil (2.000). \u00a0 La Sala Sexta de Revisi\u00f3n de la Corte Constitucional, integrada por los Magistrados doctores Alejandro Mart\u00ednez Caballero, Fabio Mor\u00f3n D\u00edaz y Vladimiro Naranjo Mesa, en ejercicio de sus competencias constitucionales y legales, ha proferido la siguiente\u00a0 ...<br \/><div class=\"pt-cv-rmwrap\"><a href=\"https:\/\/www.dmsjuridica.com\/buscador_20179478954\/corteconstitucionalcronologico202454587\/t-1100-00\/\" class=\"_self pt-cv-readmore btn btn-success\" target=\"_self\">Ver Sentencia Completa...<\/a><\/div><\/div><\/div><\/div>\n<div class=\"col-md-12 col-sm-12 col-xs-12 pt-cv-content-item pt-cv-1-col\" ><div class='pt-cv-ifield'><a href=\"https:\/\/www.dmsjuridica.com\/buscador_20179478954\/corteconstitucionalcronologico202454587\/t-1099-00\/\" class=\"_self pt-cv-href-thumbnail pt-cv-thumb-default\" target=\"_self\" ><\/a>\n<div class=\"pt-cv-taxoterm above_title\"><a href='https:\/\/www.dmsjuridica.com\/buscador_20179478954\/corteconstitucionalcronologico202454587\/category\/buscar-en-toda-la-corte\/2000\/tutelas-2000\/' title='Tutelas 2000' class='pt-cv-tax-tutelas-2000'>Tutelas 2000<\/a><\/div>\n<h4 class=\"pt-cv-title\"><a href=\"https:\/\/www.dmsjuridica.com\/buscador_20179478954\/corteconstitucionalcronologico202454587\/t-1099-00\/\" class=\"_self\" target=\"_self\" >T-1099-00<\/a><\/h4>\n<div class=\"pt-cv-content\">\u00a0 \u00a0 Sentencia T-1099\/00 \u00a0 ACCION DE TUTELA-Procedencia excepcional pago de mesadas pensionales \u00a0 DERECHO AL MINIMO VITAL DEL PENSIONADO-Pago oportuno de mesadas \u00a0 EMPLEADOR-Situaci\u00f3n econ\u00f3mica o presupuestal no es \u00f3bice para desconocer pago de mesadas pensionales \u00a0 Referencia: expedientes T-311358 \u00a0 Procedencia: Juzgado 1\u00ba Promiscuo San Juan del Cesar, Guajira. \u00a0 \u00a0 \u00a0 Actor: \u00a0Jos\u00e9 Manuel Quintero Ovalle\u00a0 \u00a0 Magistrado Ponente: \u00a0 Dr. ALEJANDRO MARTINEZ CABALLERO \u00a0 Bogot\u00e1, D.C., dieciocho (18) de agosto de dos mil (2.000). \u00a0 La Sala Sexta de Revisi\u00f3n de la Corte Constitucional, integrada por los Magistrados doctores Alejandro Mart\u00ednez Caballero, Fabio Mor\u00f3n D\u00edaz y ...<br \/><div class=\"pt-cv-rmwrap\"><a href=\"https:\/\/www.dmsjuridica.com\/buscador_20179478954\/corteconstitucionalcronologico202454587\/t-1099-00\/\" class=\"_self pt-cv-readmore btn btn-success\" target=\"_self\">Ver Sentencia Completa...<\/a><\/div><\/div><\/div><\/div>\n<div class=\"col-md-12 col-sm-12 col-xs-12 pt-cv-content-item pt-cv-1-col\" ><div class='pt-cv-ifield'><a href=\"https:\/\/www.dmsjuridica.com\/buscador_20179478954\/corteconstitucionalcronologico202454587\/t-1098-00\/\" class=\"_self pt-cv-href-thumbnail pt-cv-thumb-default\" target=\"_self\" ><\/a>\n<div class=\"pt-cv-taxoterm above_title\"><a href='https:\/\/www.dmsjuridica.com\/buscador_20179478954\/corteconstitucionalcronologico202454587\/category\/buscar-en-toda-la-corte\/2000\/tutelas-2000\/' title='Tutelas 2000' class='pt-cv-tax-tutelas-2000'>Tutelas 2000<\/a><\/div>\n<h4 class=\"pt-cv-title\"><a href=\"https:\/\/www.dmsjuridica.com\/buscador_20179478954\/corteconstitucionalcronologico202454587\/t-1098-00\/\" class=\"_self\" target=\"_self\" >T-1098-00<\/a><\/h4>\n<div class=\"pt-cv-content\">\u00a0 \u00a0 Sentencia T-1098\/00 \u00a0 PRINCIPIO A TRABAJO IGUAL SALARIO IGUAL-Alcance \u00a0 PRINCIPIO A TRABAJO IGUAL SALARIO IGUAL-Inexistencia de presupuesto \u00a0 Referencia: expediente T-293784 \u00a0 Procedencia: Corte Suprema de Justicia Sala de Casaci\u00f3n Penal.\u00a0 \u00a0 \u00a0 \u00a0 Actora: Ana Milena Velasco Mu\u00f1oz. \u00a0 Magistrado Ponente: \u00a0 Dr. ALEJANDRO MARTINEZ CABALLERO \u00a0 Santa Fe de Bogot\u00e1, D.C., \u00a0dieciocho (18) de agosto de dos mil (2.000). \u00a0 La Sala Sexta de Revisi\u00f3n de la Corte Constitucional, integrada por los Magistrados doctores Alejandro Mart\u00ednez Caballero, Fabio Mor\u00f3n D\u00edaz y Vladimiro Naranjo Mesa, en ejercicio de sus competencias constitucionales y legales, ha proferido la ...<br \/><div class=\"pt-cv-rmwrap\"><a href=\"https:\/\/www.dmsjuridica.com\/buscador_20179478954\/corteconstitucionalcronologico202454587\/t-1098-00\/\" class=\"_self pt-cv-readmore btn btn-success\" target=\"_self\">Ver Sentencia Completa...<\/a><\/div><\/div><\/div><\/div>\n<div class=\"col-md-12 col-sm-12 col-xs-12 pt-cv-content-item pt-cv-1-col\" ><div class='pt-cv-ifield'><a href=\"https:\/\/www.dmsjuridica.com\/buscador_20179478954\/corteconstitucionalcronologico202454587\/t-1097-00\/\" class=\"_self pt-cv-href-thumbnail pt-cv-thumb-default\" target=\"_self\" ><\/a>\n<div class=\"pt-cv-taxoterm above_title\"><a href='https:\/\/www.dmsjuridica.com\/buscador_20179478954\/corteconstitucionalcronologico202454587\/category\/buscar-en-toda-la-corte\/2000\/tutelas-2000\/' title='Tutelas 2000' class='pt-cv-tax-tutelas-2000'>Tutelas 2000<\/a><\/div>\n<h4 class=\"pt-cv-title\"><a href=\"https:\/\/www.dmsjuridica.com\/buscador_20179478954\/corteconstitucionalcronologico202454587\/t-1097-00\/\" class=\"_self\" target=\"_self\" >T-1097-00<\/a><\/h4>\n<div class=\"pt-cv-content\">\u00a0 \u00a0 Sentencia T-1097\/00 \u00a0 ACCION DE TUTELA-Procedencia excepcional pago de salarios \u00a0 DERECHO AL PAGO OPORTUNO DEL SALARIO-Fundamental \u00a0 DERECHO AL MINIMO VITAL DEL TRABAJADOR-Pago oportuno de salarios \u00a0 EMPLEADOR-Situaci\u00f3n econ\u00f3mica o presupuestal no es \u00f3bice para desconocer \u00a0pago de salarios \u00a0 Referencia: expediente T-309448; T- 311987; T-311994.\u00a0 \u00a0 Accionante: Hospital Universitario de Cartagena.\u00a0 \u00a0 \u00a0 \u00a0 Magistrado Ponente: \u00a0 Dr. ALEJANDRO MARTINEZ CABALLERO \u00a0 Santa Fe de Bogot\u00e1, D.C., dieciocho \u00a0(18) de agosto de dos mil (2.000). \u00a0 SENTENCIA \u00a0 Dentro del \u00a0proceso instaurado por \u00a0Miguel de Avila Ram\u00edrez, Nubia Paternina Boh\u00f3rquez, Enivia M. Cardales Barrios (T-309448); \u00a0Concepci\u00f3n ...<br \/><div class=\"pt-cv-rmwrap\"><a href=\"https:\/\/www.dmsjuridica.com\/buscador_20179478954\/corteconstitucionalcronologico202454587\/t-1097-00\/\" class=\"_self pt-cv-readmore btn btn-success\" target=\"_self\">Ver Sentencia Completa...<\/a><\/div><\/div><\/div><\/div>\n<div class=\"col-md-12 col-sm-12 col-xs-12 pt-cv-content-item pt-cv-1-col\" ><div class='pt-cv-ifield'><a href=\"https:\/\/www.dmsjuridica.com\/buscador_20179478954\/corteconstitucionalcronologico202454587\/t-1096-00\/\" class=\"_self pt-cv-href-thumbnail pt-cv-thumb-default\" target=\"_self\" ><\/a>\n<div class=\"pt-cv-taxoterm above_title\"><a href='https:\/\/www.dmsjuridica.com\/buscador_20179478954\/corteconstitucionalcronologico202454587\/category\/buscar-en-toda-la-corte\/2000\/tutelas-2000\/' title='Tutelas 2000' class='pt-cv-tax-tutelas-2000'>Tutelas 2000<\/a><\/div>\n<h4 class=\"pt-cv-title\"><a href=\"https:\/\/www.dmsjuridica.com\/buscador_20179478954\/corteconstitucionalcronologico202454587\/t-1096-00\/\" class=\"_self\" target=\"_self\" >T-1096-00<\/a><\/h4>\n<div class=\"pt-cv-content\">\u00a0 \u00a0 Sentencia T-1096\/00 \u00a0 ACCION DE TUTELA-Procedencia excepcional pago de salarios \u00a0 DERECHO AL MINIMO VITAL DEL TRABAJADOR-Pago oportuno de salarios \u00a0 PERSONAL DOCENTE-Pago de salarios \u00a0 Referencia: expedientes \u00a0T-311130; \u00a0T-311131; T-311132; T-311133; \u00a0T- 311134; T-312593; T-312594.\u00a0 \u00a0 Accionante: Mar\u00eda Concepci\u00f3n Cepeda Ripoll y otros\u00a0 \u00a0 \u00a0 \u00a0 Magistrado Ponente: \u00a0 Dr. ALEJANDRO MARTINEZ CABALLERO \u00a0 Santa Fe de Bogot\u00e1, D.C., dieciocho (18) de agosto de dos mil (2.000). \u00a0 La Sala Sexta de Revisi\u00f3n de la Corte Constitucional, integrada por los Magistrados doctores Alejandro Mart\u00ednez Caballero, Fabio Mor\u00f3n D\u00edaz y Vladimiro Naranjo Mesa, en ejercicio de sus competencias ...<br \/><div class=\"pt-cv-rmwrap\"><a href=\"https:\/\/www.dmsjuridica.com\/buscador_20179478954\/corteconstitucionalcronologico202454587\/t-1096-00\/\" class=\"_self pt-cv-readmore btn btn-success\" target=\"_self\">Ver Sentencia Completa...<\/a><\/div><\/div><\/div><\/div>\n<div class=\"col-md-12 col-sm-12 col-xs-12 pt-cv-content-item pt-cv-1-col\" ><div class='pt-cv-ifield'><a href=\"https:\/\/www.dmsjuridica.com\/buscador_20179478954\/corteconstitucionalcronologico202454587\/t-1095-00\/\" class=\"_self pt-cv-href-thumbnail pt-cv-thumb-default\" target=\"_self\" ><\/a>\n<div class=\"pt-cv-taxoterm above_title\"><a href='https:\/\/www.dmsjuridica.com\/buscador_20179478954\/corteconstitucionalcronologico202454587\/category\/buscar-en-toda-la-corte\/2000\/tutelas-2000\/' title='Tutelas 2000' class='pt-cv-tax-tutelas-2000'>Tutelas 2000<\/a><\/div>\n<h4 class=\"pt-cv-title\"><a href=\"https:\/\/www.dmsjuridica.com\/buscador_20179478954\/corteconstitucionalcronologico202454587\/t-1095-00\/\" class=\"_self\" target=\"_self\" >T-1095-00<\/a><\/h4>\n<div class=\"pt-cv-content\">\u00a0 \u00a0 Sentencia T-1095\/00 \u00a0 DERECHO A LA SALUD-Conexidad con la vida \u00a0 EMPLEADOR-Responsabilidad por mora en aportes en salud\/ENTIDAD PROMOTORA DE SALUD-Interrupci\u00f3n de servicios \u00a0 ENTIDAD PROMOTORA DE SALUD-Repetici\u00f3n contra empleador \u00a0 Referencia: expediente T-312452 \u00a0 Accionante: Ruth Elizabeth Acosta de Fern\u00e1ndez y otros\u00a0 \u00a0 Juzgado de origen: Sala Laboral del Tribunal Superior de Bogot\u00e1. \u00a0 Magistrado Ponente: \u00a0 Santa Fe de Bogot\u00e1, D.C., dieciocho (18) de agosto de dos \u00a0mil (2000). \u00a0 La Sala S\u00e9ptima de Revisi\u00f3n de la Corte Constitucional, integrada por los Magistrados Fabio Mor\u00f3n D\u00edaz, Vladimiro Naranjo Mesa y Alejandro Mart\u00ednez Caballero, quien la preside, ...<br \/><div class=\"pt-cv-rmwrap\"><a href=\"https:\/\/www.dmsjuridica.com\/buscador_20179478954\/corteconstitucionalcronologico202454587\/t-1095-00\/\" class=\"_self pt-cv-readmore btn btn-success\" target=\"_self\">Ver Sentencia Completa...<\/a><\/div><\/div><\/div><\/div>\n<div class=\"col-md-12 col-sm-12 col-xs-12 pt-cv-content-item pt-cv-1-col\" ><div class='pt-cv-ifield'><a href=\"https:\/\/www.dmsjuridica.com\/buscador_20179478954\/corteconstitucionalcronologico202454587\/t-1094-00\/\" class=\"_self pt-cv-href-thumbnail pt-cv-thumb-default\" target=\"_self\" ><\/a>\n<div class=\"pt-cv-taxoterm above_title\"><a href='https:\/\/www.dmsjuridica.com\/buscador_20179478954\/corteconstitucionalcronologico202454587\/category\/buscar-en-toda-la-corte\/2000\/tutelas-2000\/' title='Tutelas 2000' class='pt-cv-tax-tutelas-2000'>Tutelas 2000<\/a><\/div>\n<h4 class=\"pt-cv-title\"><a href=\"https:\/\/www.dmsjuridica.com\/buscador_20179478954\/corteconstitucionalcronologico202454587\/t-1094-00\/\" class=\"_self\" target=\"_self\" >T-1094-00<\/a><\/h4>\n<div class=\"pt-cv-content\">\u00a0 \u00a0 Sentencia T-1094\/00 \u00a0 PENSION GRACIA-Objeto\/PENSION GRACIA-Destinatarios \u00a0 PENSION GRACIA-Constitucionalizaci\u00f3n de su regulaci\u00f3n \u00a0 Referencia: expediente T -314136 \u00a0 \u00a0 \u00a0 Acci\u00f3n de tutela instaurada por Gloria Hidalgo. \u00a0 Procedencia: Juzgado 2\u00b0 Penal del Circuito de Popay\u00e1n \u00a0 Magistrado Ponente: \u00a0 Dr. ALEJANDRO MARTINEZ CABALLERO \u00a0 Bogot\u00e1, D.C., dieciocho (18) de agosto del dos mil (2.000). \u00a0 La Sala Sexta de Revisi\u00f3n de la Corte Constitucional, integrada por los Magistrados doctores Alejandro Mart\u00ednez Caballero, Fabio Mor\u00f3n D\u00edaz y Vladimiro Naranjo Mesa, en ejercicio de sus competencias constitucionales y legales, ha proferido la siguiente\u00a0 \u00a0 SENTENCIA \u00a0 Dentro del proceso ...<br \/><div class=\"pt-cv-rmwrap\"><a href=\"https:\/\/www.dmsjuridica.com\/buscador_20179478954\/corteconstitucionalcronologico202454587\/t-1094-00\/\" class=\"_self pt-cv-readmore btn btn-success\" target=\"_self\">Ver Sentencia Completa...<\/a><\/div><\/div><\/div><\/div>\n<div class=\"col-md-12 col-sm-12 col-xs-12 pt-cv-content-item pt-cv-1-col\" ><div class='pt-cv-ifield'><a href=\"https:\/\/www.dmsjuridica.com\/buscador_20179478954\/corteconstitucionalcronologico202454587\/t-1093-00\/\" class=\"_self pt-cv-href-thumbnail pt-cv-thumb-default\" target=\"_self\" ><\/a>\n<div class=\"pt-cv-taxoterm above_title\"><a href='https:\/\/www.dmsjuridica.com\/buscador_20179478954\/corteconstitucionalcronologico202454587\/category\/buscar-en-toda-la-corte\/2000\/tutelas-2000\/' title='Tutelas 2000' class='pt-cv-tax-tutelas-2000'>Tutelas 2000<\/a><\/div>\n<h4 class=\"pt-cv-title\"><a href=\"https:\/\/www.dmsjuridica.com\/buscador_20179478954\/corteconstitucionalcronologico202454587\/t-1093-00\/\" class=\"_self\" target=\"_self\" >T-1093-00<\/a><\/h4>\n<div class=\"pt-cv-content\">\u00a0 \u00a0 Sentencia T-1093\/00\u00a0 \u00a0 DERECHO AL PAGO OPORTUNO DEL SALARIO-Fundamental \u00a0 DERECHO AL MINIMO VITAL DEL TRABAJADOR-Pago oportuno de salarios \u00a0 Referencia: expedientes T-312778 y T-312783 (acumulados) \u00a0 Acci\u00f3n de tutela instaurada por Dagoberto Orozco Guerrero e Isaias Gamboa Ramos. \u00a0 Magistrado Ponente:\u00a0 \u00a0 Dr. ALEJANDRO MART\u00cdNEZ CABALLERO \u00a0 Santa Fe de Bogot\u00e1, dieciocho (18) de agosto de dos mil (2000) \u00a0 La Sala Sexta de Revisi\u00f3n de la Corte Constitucional, integrada por los Magistrados Alejandro Mart\u00ednez Caballero, Fabio Mor\u00f3n D\u00edaz y Vladimiro Naranjo Mesa, en ejercicio de sus competencias constitucionales y legales, ha proferido la siguiente \u00a0 \u00a0 ...<br \/><div class=\"pt-cv-rmwrap\"><a href=\"https:\/\/www.dmsjuridica.com\/buscador_20179478954\/corteconstitucionalcronologico202454587\/t-1093-00\/\" class=\"_self pt-cv-readmore btn btn-success\" target=\"_self\">Ver Sentencia Completa...<\/a><\/div><\/div><\/div><\/div>\n<div class=\"col-md-12 col-sm-12 col-xs-12 pt-cv-content-item pt-cv-1-col\" ><div class='pt-cv-ifield'><a href=\"https:\/\/www.dmsjuridica.com\/buscador_20179478954\/corteconstitucionalcronologico202454587\/t-1092-00\/\" class=\"_self pt-cv-href-thumbnail pt-cv-thumb-default\" target=\"_self\" ><\/a>\n<div class=\"pt-cv-taxoterm above_title\"><a href='https:\/\/www.dmsjuridica.com\/buscador_20179478954\/corteconstitucionalcronologico202454587\/category\/buscar-en-toda-la-corte\/2000\/tutelas-2000\/' title='Tutelas 2000' class='pt-cv-tax-tutelas-2000'>Tutelas 2000<\/a><\/div>\n<h4 class=\"pt-cv-title\"><a href=\"https:\/\/www.dmsjuridica.com\/buscador_20179478954\/corteconstitucionalcronologico202454587\/t-1092-00\/\" class=\"_self\" target=\"_self\" >T-1092-00<\/a><\/h4>\n<div class=\"pt-cv-content\">\u00a0 \u00a0 Sentencia T-1092\/00 \u00a0 DERECHO DE PETICION-Alcance\/DERECHO DE PETICION-N\u00facleo esencial \u00a0 DERECHO DE PETICION-Respuesta oportuna y de fondo \u00a0 Acci\u00f3n de tutela instaurada por Alfredo Garc\u00eda Fuentes contra el Director de los Seguros Sociales. \u00a0 \u00a0 Procedencia: Tribunal Superior Sala Laboral de Cartagena.\u00a0 \u00a0 Magistrado Ponente:\u00a0 \u00a0 Dr. ALEJANDRO MART\u00cdNEZ CABALLERO \u00a0 Santa Fe de Bogot\u00e1 D.C., dieciocho (18) de agosto del dos mil (2000). \u00a0 La Sala Sexta de Revisi\u00f3n de la Corte Constitucional, integrada por los Magistrados Alejandro Mart\u00ednez Caballero, Fabio Mor\u00f3n D\u00edaz y Vladimiro Naranjo Mesa, en ejercicio de sus competencias constitucionales y legales, ha pronunciado ...<br \/><div class=\"pt-cv-rmwrap\"><a href=\"https:\/\/www.dmsjuridica.com\/buscador_20179478954\/corteconstitucionalcronologico202454587\/t-1092-00\/\" class=\"_self pt-cv-readmore btn btn-success\" target=\"_self\">Ver Sentencia Completa...<\/a><\/div><\/div><\/div><\/div>\n<div class=\"col-md-12 col-sm-12 col-xs-12 pt-cv-content-item pt-cv-1-col\" ><div class='pt-cv-ifield'><a href=\"https:\/\/www.dmsjuridica.com\/buscador_20179478954\/corteconstitucionalcronologico202454587\/t-1091-00\/\" class=\"_self pt-cv-href-thumbnail pt-cv-thumb-default\" target=\"_self\" ><\/a>\n<div class=\"pt-cv-taxoterm above_title\"><a href='https:\/\/www.dmsjuridica.com\/buscador_20179478954\/corteconstitucionalcronologico202454587\/category\/buscar-en-toda-la-corte\/2000\/tutelas-2000\/' title='Tutelas 2000' class='pt-cv-tax-tutelas-2000'>Tutelas 2000<\/a><\/div>\n<h4 class=\"pt-cv-title\"><a href=\"https:\/\/www.dmsjuridica.com\/buscador_20179478954\/corteconstitucionalcronologico202454587\/t-1091-00\/\" class=\"_self\" target=\"_self\" >T-1091-00<\/a><\/h4>\n<div class=\"pt-cv-content\">\u00a0 \u00a0 Sentencia T-1091\/00 \u00a0 DERECHO DE PETICION-Pronta resoluci\u00f3n \u00a0 DERECHOS ADQUIRIDOS-Protecci\u00f3n\/DERECHO A LA SEGURIDAD SOCIAL-Vulneraci\u00f3n por demora en tr\u00e1mite de pensi\u00f3n \u00a0 \u00a0 \u00a0 Acci\u00f3n de tutela instaurada por Maria del Socorro Garcia contra el Fondo Prestacional del Magisterio \u00a0 Procedencia: Sala Laboral del Tribunal Superior de Bogot\u00e1 \u00a0 Magistrado Ponente: \u00a0 Dr. ALEJANDRO MARTINEZ CABALLERO \u00a0 Santa Fe de Bogot\u00e1, D.C., dieciocho (18) de agosto del dos mil (2.000). \u00a0 La Sala Sexta de Revisi\u00f3n de la Corte Constitucional, integrada por los Magistrados doctores Alejandro Mart\u00ednez Caballero, Fabio Mor\u00f3n D\u00edaz y Vladimiro Naranjo Mesa, en ejercicio de sus ...<br \/><div class=\"pt-cv-rmwrap\"><a href=\"https:\/\/www.dmsjuridica.com\/buscador_20179478954\/corteconstitucionalcronologico202454587\/t-1091-00\/\" class=\"_self pt-cv-readmore btn btn-success\" target=\"_self\">Ver Sentencia Completa...<\/a><\/div><\/div><\/div><\/div>\n<div class=\"col-md-12 col-sm-12 col-xs-12 pt-cv-content-item pt-cv-1-col\" ><div class='pt-cv-ifield'><a href=\"https:\/\/www.dmsjuridica.com\/buscador_20179478954\/corteconstitucionalcronologico202454587\/t-1090-00\/\" class=\"_self pt-cv-href-thumbnail pt-cv-thumb-default\" target=\"_self\" ><\/a>\n<div class=\"pt-cv-taxoterm above_title\"><a href='https:\/\/www.dmsjuridica.com\/buscador_20179478954\/corteconstitucionalcronologico202454587\/category\/buscar-en-toda-la-corte\/2000\/tutelas-2000\/' title='Tutelas 2000' class='pt-cv-tax-tutelas-2000'>Tutelas 2000<\/a><\/div>\n<h4 class=\"pt-cv-title\"><a href=\"https:\/\/www.dmsjuridica.com\/buscador_20179478954\/corteconstitucionalcronologico202454587\/t-1090-00\/\" class=\"_self\" target=\"_self\" >T-1090-00<\/a><\/h4>\n<div class=\"pt-cv-content\">\u00a0 \u00a0 Sentencia T-1090\/00 \u00a0 LICENCIA DE MATERNIDAD-Procedencia excepcional de tutela para el pago \u00a0 PRINCIPIO DE FAVORABILIDAD NORMATIVA EN MATERIA DE LICENCIA DE MATERNIDAD-Pago \u00a0 Referencia: expedientes T-310.558, T-310.961 y T-312.712 (acumulados) \u00a0 Magistrado Ponente:\u00a0 \u00a0 Dr. ALEJANDRO MART\u00cdNEZ CABALLERO \u00a0 Bogot\u00e1, diez y ocho (18) de agosto de dos mil (2000) \u00a0 La Sala Sexta de Revisi\u00f3n de la Corte Constitucional, en ejercicio de sus competencias constitucionales y legales, ha proferido Sentencia en las acciones de tutela interpuestas, en forma independiente, Luz Mery Pati\u00f1o Castro, Mariluz Arbel\u00e1ez Soto y Martha Luc\u00eda Galindo Miranda contra el Seguro Social \u00a0 ...<br \/><div class=\"pt-cv-rmwrap\"><a href=\"https:\/\/www.dmsjuridica.com\/buscador_20179478954\/corteconstitucionalcronologico202454587\/t-1090-00\/\" class=\"_self pt-cv-readmore btn btn-success\" target=\"_self\">Ver Sentencia Completa...<\/a><\/div><\/div><\/div><\/div>\n<div class=\"col-md-12 col-sm-12 col-xs-12 pt-cv-content-item pt-cv-1-col\" ><div class='pt-cv-ifield'><a href=\"https:\/\/www.dmsjuridica.com\/buscador_20179478954\/corteconstitucionalcronologico202454587\/t-1089-00\/\" class=\"_self pt-cv-href-thumbnail pt-cv-thumb-default\" target=\"_self\" ><\/a>\n<div class=\"pt-cv-taxoterm above_title\"><a href='https:\/\/www.dmsjuridica.com\/buscador_20179478954\/corteconstitucionalcronologico202454587\/category\/buscar-en-toda-la-corte\/2000\/tutelas-2000\/' title='Tutelas 2000' class='pt-cv-tax-tutelas-2000'>Tutelas 2000<\/a><\/div>\n<h4 class=\"pt-cv-title\"><a href=\"https:\/\/www.dmsjuridica.com\/buscador_20179478954\/corteconstitucionalcronologico202454587\/t-1089-00\/\" class=\"_self\" target=\"_self\" >T-1089-00<\/a><\/h4>\n<div class=\"pt-cv-content\">\u00a0 \u00a0 Sentencia T-1089\/00 \u00a0 ACCION DE TUTELA-Procedencia excepcional pago de salarios \u00a0 DERECHO AL MINIMO VITAL DEL TRABAJADOR-Pago oportuno de salarios \u00a0 PERJUICIO IRREMEDIABLE-Elementos \u00a0 Referencia: expedientes T-312820, T-312823, T-312824, T-312888, T-312894, T-312895, T-312896 \u00a0 Acciones de tutela instauradas por Jos\u00e9 Ospina y otros contra el municipio de Rovira \u00a0 Procedencia: Tribunal Administrativo del Tolima \u00a0 Magistrado Ponente: \u00a0 Dr. ALEJANDRO MARTINEZ CABALLERO \u00a0 Bogot\u00e1, D.C., dieciocho (18 ) de agosto de 2000. \u00a0 La Sala Sexta de Revisi\u00f3n de la Corte Constitucional, integrada por los Magistrados doctores Fabio Mor\u00f3n D\u00edaz, Vladimiro Naranjo Mesa y Alejandro Mart\u00ednez Caballero, en ...<br \/><div class=\"pt-cv-rmwrap\"><a href=\"https:\/\/www.dmsjuridica.com\/buscador_20179478954\/corteconstitucionalcronologico202454587\/t-1089-00\/\" class=\"_self pt-cv-readmore btn btn-success\" target=\"_self\">Ver Sentencia Completa...<\/a><\/div><\/div><\/div><\/div>\n<div class=\"col-md-12 col-sm-12 col-xs-12 pt-cv-content-item pt-cv-1-col\" ><div class='pt-cv-ifield'><a href=\"https:\/\/www.dmsjuridica.com\/buscador_20179478954\/corteconstitucionalcronologico202454587\/t-1088-00\/\" class=\"_self pt-cv-href-thumbnail pt-cv-thumb-default\" target=\"_self\" ><\/a>\n<div class=\"pt-cv-taxoterm above_title\"><a href='https:\/\/www.dmsjuridica.com\/buscador_20179478954\/corteconstitucionalcronologico202454587\/category\/buscar-en-toda-la-corte\/2000\/tutelas-2000\/' title='Tutelas 2000' class='pt-cv-tax-tutelas-2000'>Tutelas 2000<\/a><\/div>\n<h4 class=\"pt-cv-title\"><a href=\"https:\/\/www.dmsjuridica.com\/buscador_20179478954\/corteconstitucionalcronologico202454587\/t-1088-00\/\" class=\"_self\" target=\"_self\" >T-1088-00<\/a><\/h4>\n<div class=\"pt-cv-content\">\u00a0 \u00a0 Sentencia T-1088 \u00a0 \u00a0 \u00a0 \u00a0\/00 \u00a0 ACCION DE TUTELA-Procedencia excepcional pago de salarios \u00a0 DERECHO AL MINIMO VITAL DEL TRABAJADOR-Pago oportuno de salarios \u00a0 PERJUICIO IRREMEDIABLE-Elementos \u00a0 Referencia: expediente T-313054 \u00a0 Acciones de tutela instauradas por Anselma Ospino contra Departamento de Bol\u00edvar \u00a0 Procedencia: Juzgado 6\u00b0 Laboral de Cartagena \u00a0 Dr. ALEJANDRO MARTINEZ CABALLERO \u00a0 Santa Fe de Bogot\u00e1, D.C., dieciocho (18) de agosto del dos mil (2.000). \u00a0 La Sala Sexta de Revisi\u00f3n de la Corte Constitucional, integrada por los Magistrados doctores Alejandro Mart\u00ednez Caballero, Fabio Mor\u00f3n D\u00edaz y Vladimiro Naranjo Mesa, en ejercicio de sus ...<br \/><div class=\"pt-cv-rmwrap\"><a href=\"https:\/\/www.dmsjuridica.com\/buscador_20179478954\/corteconstitucionalcronologico202454587\/t-1088-00\/\" class=\"_self pt-cv-readmore btn btn-success\" target=\"_self\">Ver Sentencia Completa...<\/a><\/div><\/div><\/div><\/div>\n<div class=\"col-md-12 col-sm-12 col-xs-12 pt-cv-content-item pt-cv-1-col\" ><div class='pt-cv-ifield'><a href=\"https:\/\/www.dmsjuridica.com\/buscador_20179478954\/corteconstitucionalcronologico202454587\/t-1087-00\/\" class=\"_self pt-cv-href-thumbnail pt-cv-thumb-default\" target=\"_self\" ><\/a>\n<div class=\"pt-cv-taxoterm above_title\"><a href='https:\/\/www.dmsjuridica.com\/buscador_20179478954\/corteconstitucionalcronologico202454587\/category\/buscar-en-toda-la-corte\/2000\/tutelas-2000\/' title='Tutelas 2000' class='pt-cv-tax-tutelas-2000'>Tutelas 2000<\/a><\/div>\n<h4 class=\"pt-cv-title\"><a href=\"https:\/\/www.dmsjuridica.com\/buscador_20179478954\/corteconstitucionalcronologico202454587\/t-1087-00\/\" class=\"_self\" target=\"_self\" >T-1087-00<\/a><\/h4>\n<div class=\"pt-cv-content\">\u00a0 \u00a0 Sentencia T-1087\/00 \u00a0 ACCION DE TUTELA-Procedencia excepcional pago de mesadas pensionales \u00a0 DERECHO AL MINIMO VITAL DEL PENSIONADO-Pago oportuno de mesadas \u00a0 EMPLEADOR-Situaci\u00f3n econ\u00f3mica o presupuestal no es \u00f3bice para desconocer pago de mesadas pensionales \u00a0 Referencia: expediente T- 311715 \u00a0 \u00a0 \u00a0 Acci\u00f3n de tutela instaurada por Luis Agudelo contra Coltejer. \u00a0 Procedencia: Juzgado 1\u00b0 Penal Municipal de Medell\u00edn \u00a0 Magistrado Ponente: \u00a0 Dr. ALEJANDRO MARTINEZ CABALLERO \u00a0 Santa Fe de Bogot\u00e1, D.C., dieciocho (18) de agosto del dos mil (2.000). \u00a0 La Sala Sexta de Revisi\u00f3n de la Corte Constitucional, integrada por los Magistrados doctores Alejandro ...<br \/><div class=\"pt-cv-rmwrap\"><a href=\"https:\/\/www.dmsjuridica.com\/buscador_20179478954\/corteconstitucionalcronologico202454587\/t-1087-00\/\" class=\"_self pt-cv-readmore btn btn-success\" target=\"_self\">Ver Sentencia Completa...<\/a><\/div><\/div><\/div><\/div>\n<div class=\"col-md-12 col-sm-12 col-xs-12 pt-cv-content-item pt-cv-1-col\" ><div class='pt-cv-ifield'><a href=\"https:\/\/www.dmsjuridica.com\/buscador_20179478954\/corteconstitucionalcronologico202454587\/t-1086-00\/\" class=\"_self pt-cv-href-thumbnail pt-cv-thumb-default\" target=\"_self\" ><\/a>\n<div class=\"pt-cv-taxoterm above_title\"><a href='https:\/\/www.dmsjuridica.com\/buscador_20179478954\/corteconstitucionalcronologico202454587\/category\/buscar-en-toda-la-corte\/2000\/tutelas-2000\/' title='Tutelas 2000' class='pt-cv-tax-tutelas-2000'>Tutelas 2000<\/a><\/div>\n<h4 class=\"pt-cv-title\"><a href=\"https:\/\/www.dmsjuridica.com\/buscador_20179478954\/corteconstitucionalcronologico202454587\/t-1086-00\/\" class=\"_self\" target=\"_self\" >T-1086-00<\/a><\/h4>\n<div class=\"pt-cv-content\">\u00a0 \u00a0 Sentencia T-1086\/00 \u00a0 ACCION DE TUTELA-Procedencia excepcional pago de salarios \u00a0 DERECHO AL MINIMO VITAL DEL TRABAJADOR-Pago oportuno de salarios \u00a0 PERJUICIO IRREMEDIABLE-Elementos \u00a0 Referencia: expedientes T-T-311760, T-312821, T-312822 \u00a0 Acciones de tutela instauradas por Jos\u00e9 Salazar \u00a0y otros contra el municipio del Guamo \u00a0 Procedencia: Tribunal Administrativo del Tolima \u00a0 Magistrado Ponente: \u00a0 Dr. ALEJANDRO MARTINEZ CABALLERO \u00a0 Santa Fe de Bogot\u00e1, D.C., dieciocho (18) de agosto del dos mil (2.000). \u00a0 La Sala Sexta de Revisi\u00f3n de la Corte Constitucional, integrada por los Magistrados doctores Alejandro Mart\u00ednez Caballero, Fabio Mor\u00f3n D\u00edaz y Vladimiro Naranjo Mesa, en ...<br \/><div class=\"pt-cv-rmwrap\"><a href=\"https:\/\/www.dmsjuridica.com\/buscador_20179478954\/corteconstitucionalcronologico202454587\/t-1086-00\/\" class=\"_self pt-cv-readmore btn btn-success\" target=\"_self\">Ver Sentencia Completa...<\/a><\/div><\/div><\/div><\/div>\n<div class=\"col-md-12 col-sm-12 col-xs-12 pt-cv-content-item pt-cv-1-col\" ><div class='pt-cv-ifield'><a href=\"https:\/\/www.dmsjuridica.com\/buscador_20179478954\/corteconstitucionalcronologico202454587\/t-1085-00\/\" class=\"_self pt-cv-href-thumbnail pt-cv-thumb-default\" target=\"_self\" ><\/a>\n<div class=\"pt-cv-taxoterm above_title\"><a href='https:\/\/www.dmsjuridica.com\/buscador_20179478954\/corteconstitucionalcronologico202454587\/category\/buscar-en-toda-la-corte\/2000\/tutelas-2000\/' title='Tutelas 2000' class='pt-cv-tax-tutelas-2000'>Tutelas 2000<\/a><\/div>\n<h4 class=\"pt-cv-title\"><a href=\"https:\/\/www.dmsjuridica.com\/buscador_20179478954\/corteconstitucionalcronologico202454587\/t-1085-00\/\" class=\"_self\" target=\"_self\" >T-1085-00<\/a><\/h4>\n<div class=\"pt-cv-content\">\u00a0 \u00a0 Sentencia T-1085\/00 \u00a0 ACCION DE TUTELA-Procedencia excepcional pago de mesadas pensionales \u00a0 DERECHO AL MINIMO VITAL DEL PENSIONADO-Pago oportuno de mesadas \u00a0 EMPLEADOR-Situaci\u00f3n econ\u00f3mica o presupuestal no es \u00f3bice para desconocer pago de mesadas pensionales \u00a0 Referencia: expediente T-312.741 \u00a0 Acci\u00f3n de tutela instaurada por Hugo Antonio Aguilar y Omar Emilio Santa \u00a0 Magistrado Ponente:\u00a0 \u00a0 Dr. ALEJANDRO MART\u00cdNEZ CABALLERO \u00a0 La Sala Sexta de Revisi\u00f3n de la Corte Constitucional, en ejercicio de sus competencias constitucionales y legales, ha proferido Sentencia en la acci\u00f3n de tutela interpuesta por Hugo Antonio Aguilar y Omar Emilio Santa contra el Alcalde ...<br \/><div class=\"pt-cv-rmwrap\"><a href=\"https:\/\/www.dmsjuridica.com\/buscador_20179478954\/corteconstitucionalcronologico202454587\/t-1085-00\/\" class=\"_self pt-cv-readmore btn btn-success\" target=\"_self\">Ver Sentencia Completa...<\/a><\/div><\/div><\/div><\/div>\n<div class=\"col-md-12 col-sm-12 col-xs-12 pt-cv-content-item pt-cv-1-col\" ><div class='pt-cv-ifield'><a href=\"https:\/\/www.dmsjuridica.com\/buscador_20179478954\/corteconstitucionalcronologico202454587\/t-1084-00\/\" class=\"_self pt-cv-href-thumbnail pt-cv-thumb-default\" target=\"_self\" ><\/a>\n<div class=\"pt-cv-taxoterm above_title\"><a href='https:\/\/www.dmsjuridica.com\/buscador_20179478954\/corteconstitucionalcronologico202454587\/category\/buscar-en-toda-la-corte\/2000\/tutelas-2000\/' title='Tutelas 2000' class='pt-cv-tax-tutelas-2000'>Tutelas 2000<\/a><\/div>\n<h4 class=\"pt-cv-title\"><a href=\"https:\/\/www.dmsjuridica.com\/buscador_20179478954\/corteconstitucionalcronologico202454587\/t-1084-00\/\" class=\"_self\" target=\"_self\" >T-1084-00<\/a><\/h4>\n<div class=\"pt-cv-content\">\u00a0 \u00a0 Sentencia T-1084\/00 \u00a0 EDUCACION-Derecho deber \u00a0 AUTONOMIA UNIVERSITARIA-No autorizaci\u00f3n de presentaci\u00f3n de ex\u00e1menes supletorios \u00a0 Referencia: expediente T-322263 \u00a0 Actora: Mar\u00eda Elena Collazos Cautiva \u00a0 Magistrado Ponente: \u00a0 Dr. EDUARDO CIFUENTES MU\u00d1OZ \u00a0 Sentencia aprobada en Santaf\u00e9 de Bogot\u00e1 D.C., agosto diecisiete (17) de dos mil (2000). \u00a0 1. La se\u00f1ora Mar\u00eda Elena Collazos Cautiva instaur\u00f3 acci\u00f3n de tutela contra la Corporaci\u00f3n Universitaria de Ciencia y Desarrollo \"Uniciencia\" de la ciudad de Cali, por considerar que \u00e9sta vulner\u00f3 su derecho a la educaci\u00f3n (C.P. art. 67). La actora, quien, durante el periodo acad\u00e9mico de julio a diciembre de ...<br \/><div class=\"pt-cv-rmwrap\"><a href=\"https:\/\/www.dmsjuridica.com\/buscador_20179478954\/corteconstitucionalcronologico202454587\/t-1084-00\/\" class=\"_self pt-cv-readmore btn btn-success\" target=\"_self\">Ver Sentencia Completa...<\/a><\/div><\/div><\/div><\/div>\n<div class=\"col-md-12 col-sm-12 col-xs-12 pt-cv-content-item pt-cv-1-col\" ><div class='pt-cv-ifield'><a href=\"https:\/\/www.dmsjuridica.com\/buscador_20179478954\/corteconstitucionalcronologico202454587\/t-1083-00\/\" class=\"_self pt-cv-href-thumbnail pt-cv-thumb-default\" target=\"_self\" ><\/a>\n<div class=\"pt-cv-taxoterm above_title\"><a href='https:\/\/www.dmsjuridica.com\/buscador_20179478954\/corteconstitucionalcronologico202454587\/category\/buscar-en-toda-la-corte\/2000\/tutelas-2000\/' title='Tutelas 2000' class='pt-cv-tax-tutelas-2000'>Tutelas 2000<\/a><\/div>\n<h4 class=\"pt-cv-title\"><a href=\"https:\/\/www.dmsjuridica.com\/buscador_20179478954\/corteconstitucionalcronologico202454587\/t-1083-00\/\" class=\"_self\" target=\"_self\" >T-1083-00<\/a><\/h4>\n<div class=\"pt-cv-content\">\u00a0 \u00a0 Sentencia T-1083\/00 \u00a0 SISBEN-Acceso igualitario a los bienes y recursos p\u00fablicos \u00a0 SISBEN-Tipos de controversias con relevancia constitucional \u00a0 JUEZ DE TUTELA-Intervenci\u00f3n por irregularidades presentadas en procesos de selecci\u00f3n de beneficiarios y adjudicaci\u00f3n de subsidios en el SISBEN \u00a0 PROCESO DE ENCUESTA EN EL SISBEN-Eventuales vicios de constitucionalidad\/SISBEN-Realizaci\u00f3n de nueva entrevista \u00a0 LEGISLADOR Y AUTORIDADES ADMINISTRATIVAS-Definici\u00f3n criterios de focalizaci\u00f3n del gasto social\/ACCION DE TUTELA-Procedencia cuando indebida clasificaci\u00f3n en el SISBEN afecta derechos fundamentales \u00a0 Corresponde al legislador y a las autoridades administrativas pol\u00edticamente responsables, definir los criterios de focalizaci\u00f3n del gasto social. No obstante, la Corte ha aceptado ...<br \/><div class=\"pt-cv-rmwrap\"><a href=\"https:\/\/www.dmsjuridica.com\/buscador_20179478954\/corteconstitucionalcronologico202454587\/t-1083-00\/\" class=\"_self pt-cv-readmore btn btn-success\" target=\"_self\">Ver Sentencia Completa...<\/a><\/div><\/div><\/div><\/div>\n<div class=\"col-md-12 col-sm-12 col-xs-12 pt-cv-content-item pt-cv-1-col\" ><div class='pt-cv-ifield'><a href=\"https:\/\/www.dmsjuridica.com\/buscador_20179478954\/corteconstitucionalcronologico202454587\/t-1081-00\/\" class=\"_self pt-cv-href-thumbnail pt-cv-thumb-default\" target=\"_self\" ><\/a>\n<div class=\"pt-cv-taxoterm above_title\"><a href='https:\/\/www.dmsjuridica.com\/buscador_20179478954\/corteconstitucionalcronologico202454587\/category\/buscar-en-toda-la-corte\/2000\/tutelas-2000\/' title='Tutelas 2000' class='pt-cv-tax-tutelas-2000'>Tutelas 2000<\/a><\/div>\n<h4 class=\"pt-cv-title\"><a href=\"https:\/\/www.dmsjuridica.com\/buscador_20179478954\/corteconstitucionalcronologico202454587\/t-1081-00\/\" class=\"_self\" target=\"_self\" >T-1081-00<\/a><\/h4>\n<div class=\"pt-cv-content\">\u00a0 \u00a0 Sentencia T-1081\/00 \u00a0 LICENCIA DE MATERNIDAD-Procedencia excepcional de tutela para el pago \u00a0 MADRE COMUNITARIA-Vinculaci\u00f3n a r\u00e9gimen subsidiado\/LICENCIA DE MATERNIDAD DE MADRES COMUNITARIAS-Improcedencia de pago por vinculaci\u00f3n a r\u00e9gimen subsidiado \u00a0 Referencia: expediente T-313.517 \u00a0 Magistrado Ponente:\u00a0 \u00a0 Dr. ALEJANDRO MART\u00cdNEZ CABALLERO \u00a0 La Sala Sexta de Revisi\u00f3n de la Corte Constitucional, en ejercicio de sus competencias constitucionales y legales, ha proferido Sentencia en la acci\u00f3n de tutela interpuesta por Alexandra Noguera Cabrera contra el Seguro Social \u00a0 I. ANTECEDENTES \u00a0 1. Los hechos \u00a0 - La actora fue afiliada al Seguro Social, como integrante de la Asociaci\u00f3n ...<br \/><div class=\"pt-cv-rmwrap\"><a href=\"https:\/\/www.dmsjuridica.com\/buscador_20179478954\/corteconstitucionalcronologico202454587\/t-1081-00\/\" class=\"_self pt-cv-readmore btn btn-success\" target=\"_self\">Ver Sentencia Completa...<\/a><\/div><\/div><\/div><\/div>\n<div class=\"col-md-12 col-sm-12 col-xs-12 pt-cv-content-item pt-cv-1-col\" ><div class='pt-cv-ifield'><a href=\"https:\/\/www.dmsjuridica.com\/buscador_20179478954\/corteconstitucionalcronologico202454587\/t-1080-00\/\" class=\"_self pt-cv-href-thumbnail pt-cv-thumb-default\" target=\"_self\" ><\/a>\n<div class=\"pt-cv-taxoterm above_title\"><a href='https:\/\/www.dmsjuridica.com\/buscador_20179478954\/corteconstitucionalcronologico202454587\/category\/buscar-en-toda-la-corte\/2000\/tutelas-2000\/' title='Tutelas 2000' class='pt-cv-tax-tutelas-2000'>Tutelas 2000<\/a><\/div>\n<h4 class=\"pt-cv-title\"><a href=\"https:\/\/www.dmsjuridica.com\/buscador_20179478954\/corteconstitucionalcronologico202454587\/t-1080-00\/\" class=\"_self\" target=\"_self\" >T-1080-00<\/a><\/h4>\n<div class=\"pt-cv-content\">\u00a0 \u00a0 Sentencia T-1080\/00 \u00a0 ACCION DE TUTELA-Procedencia excepcional pago de mesadas pensionales \u00a0 DERECHO AL MINIMO VITAL DEL PENSIONADO-Pago oportuno de mesadas \u00a0 EMPLEADOR-Situaci\u00f3n econ\u00f3mica o presupuestal no es \u00f3bice para desconocer pago de mesadas pensionales \u00a0 Referencia: expediente T- 315141 \u00a0 Acci\u00f3n de tutela instaurada por Jos\u00e9 Angel Ortiz contra Coltejer. \u00a0 Procedencia: Juzgado 2\u00b0 Penal del Circuito \u00a0de Itag\u00fci (Antioquia) \u00a0 Magistrado Ponente: \u00a0 Dr. ALEJANDRO MARTINEZ CABALLERO \u00a0 Bogot\u00e1, D.C., dieciocho (18) de agosto del dos mil (2.000). \u00a0 La Sala Sexta de Revisi\u00f3n de la Corte Constitucional, integrada por los Magistrados doctores Alejandro Mart\u00ednez Caballero, ...<br \/><div class=\"pt-cv-rmwrap\"><a href=\"https:\/\/www.dmsjuridica.com\/buscador_20179478954\/corteconstitucionalcronologico202454587\/t-1080-00\/\" class=\"_self pt-cv-readmore btn btn-success\" target=\"_self\">Ver Sentencia Completa...<\/a><\/div><\/div><\/div><\/div>\n<div class=\"col-md-12 col-sm-12 col-xs-12 pt-cv-content-item pt-cv-1-col\" ><div class='pt-cv-ifield'><a href=\"https:\/\/www.dmsjuridica.com\/buscador_20179478954\/corteconstitucionalcronologico202454587\/t-1079-00\/\" class=\"_self pt-cv-href-thumbnail pt-cv-thumb-default\" target=\"_self\" ><\/a>\n<div class=\"pt-cv-taxoterm above_title\"><a href='https:\/\/www.dmsjuridica.com\/buscador_20179478954\/corteconstitucionalcronologico202454587\/category\/buscar-en-toda-la-corte\/2000\/tutelas-2000\/' title='Tutelas 2000' class='pt-cv-tax-tutelas-2000'>Tutelas 2000<\/a><\/div>\n<h4 class=\"pt-cv-title\"><a href=\"https:\/\/www.dmsjuridica.com\/buscador_20179478954\/corteconstitucionalcronologico202454587\/t-1079-00\/\" class=\"_self\" target=\"_self\" >T-1079-00<\/a><\/h4>\n<div class=\"pt-cv-content\">\u00a0 \u00a0 Sentencia T-1079\/00 \u00a0 ACCION DE TUTELA-Procedencia excepcional pago de salarios \u00a0 DERECHO AL PAGO OPORTUNO DEL SALARIO-Fundamental \u00a0 ACCION DE TUTELA-Improcedencia por inexistencia de pruebas en relaci\u00f3n con la vulneraci\u00f3n alegada \u00a0 Referencia: expediente T-311758 \u00a0 Procedencia: Tribunal Administrativo del Tolima.\u00a0 \u00a0 \u00a0 \u00a0 Actor: Juan Manuel Vidales Hort\u00faa\u00a0 \u00a0 Magistrado Ponente: \u00a0 Dr. ALEJANDRO MARTINEZ CABALLERO \u00a0 Santa Fe de Bogot\u00e1, D.C., dieciocho (18) de agosto de dos mil (2.000). \u00a0 La Sala Sexta de Revisi\u00f3n de la Corte Constitucional, integrada por los Magistrados doctores Alejandro Mart\u00ednez Caballero, Fabio Mor\u00f3n D\u00edaz y Vladimiro Naranjo Mesa, en ejercicio ...<br \/><div class=\"pt-cv-rmwrap\"><a href=\"https:\/\/www.dmsjuridica.com\/buscador_20179478954\/corteconstitucionalcronologico202454587\/t-1079-00\/\" class=\"_self pt-cv-readmore btn btn-success\" target=\"_self\">Ver Sentencia Completa...<\/a><\/div><\/div><\/div><\/div>\n<div class=\"col-md-12 col-sm-12 col-xs-12 pt-cv-content-item pt-cv-1-col\" ><div class='pt-cv-ifield'><a href=\"https:\/\/www.dmsjuridica.com\/buscador_20179478954\/corteconstitucionalcronologico202454587\/t-1078-00\/\" class=\"_self pt-cv-href-thumbnail pt-cv-thumb-default\" target=\"_self\" ><\/a>\n<div class=\"pt-cv-taxoterm above_title\"><a href='https:\/\/www.dmsjuridica.com\/buscador_20179478954\/corteconstitucionalcronologico202454587\/category\/buscar-en-toda-la-corte\/2000\/tutelas-2000\/' title='Tutelas 2000' class='pt-cv-tax-tutelas-2000'>Tutelas 2000<\/a><\/div>\n<h4 class=\"pt-cv-title\"><a href=\"https:\/\/www.dmsjuridica.com\/buscador_20179478954\/corteconstitucionalcronologico202454587\/t-1078-00\/\" class=\"_self\" target=\"_self\" >T-1078-00<\/a><\/h4>\n<div class=\"pt-cv-content\">\u00a0 \u00a0 Sentencia T-1078\/00 \u00a0 ACCION DE TUTELA-Improcedencia por inexistencia de pruebas en relaci\u00f3n con la vulneraci\u00f3n o amenaza de derechos fundamentales \u00a0 DERECHO A LA SALUD-No se pueden oponer periodos m\u00ednimos de cotizaci\u00f3n ante situaciones de urgencia \u00a0 Referencia: expediente T-312591 \u00a0 Procedencia: Sala Laboral del Tribunal Superior de Valledupar.\u00a0 \u00a0 \u00a0 \u00a0 Actora: Eneida Torres Nu\u00f1ez. \u00a0 Magistrado Ponente: \u00a0 Dr. ALEJANDRO MARTINEZ CABALLERO \u00a0 Santa Fe de Bogot\u00e1, D.C., \u00a0dieciocho (18) de agosto de dos mil (2.000). \u00a0 La Sala Sexta de Revisi\u00f3n de la Corte Constitucional, integrada por los Magistrados doctores Alejandro Mart\u00ednez Caballero, Fabio Mor\u00f3n ...<br \/><div class=\"pt-cv-rmwrap\"><a href=\"https:\/\/www.dmsjuridica.com\/buscador_20179478954\/corteconstitucionalcronologico202454587\/t-1078-00\/\" class=\"_self pt-cv-readmore btn btn-success\" target=\"_self\">Ver Sentencia Completa...<\/a><\/div><\/div><\/div><\/div>\n<div class=\"col-md-12 col-sm-12 col-xs-12 pt-cv-content-item pt-cv-1-col\" ><div class='pt-cv-ifield'><a href=\"https:\/\/www.dmsjuridica.com\/buscador_20179478954\/corteconstitucionalcronologico202454587\/t-1077-00\/\" class=\"_self pt-cv-href-thumbnail pt-cv-thumb-default\" target=\"_self\" ><\/a>\n<div class=\"pt-cv-taxoterm above_title\"><a href='https:\/\/www.dmsjuridica.com\/buscador_20179478954\/corteconstitucionalcronologico202454587\/category\/buscar-en-toda-la-corte\/2000\/tutelas-2000\/' title='Tutelas 2000' class='pt-cv-tax-tutelas-2000'>Tutelas 2000<\/a><\/div>\n<h4 class=\"pt-cv-title\"><a href=\"https:\/\/www.dmsjuridica.com\/buscador_20179478954\/corteconstitucionalcronologico202454587\/t-1077-00\/\" class=\"_self\" target=\"_self\" >T-1077-00<\/a><\/h4>\n<div class=\"pt-cv-content\">\u00a0 \u00a0 Sentencia T-1077\/00 \u00a0 DERECHO DE PETICION-Alcance\/DERECHO DE PETICION-N\u00facleo esencial \u00a0 DERECHO DE PETICION-Respuesta oportuna y de fondo\/DERECHO DE PETICION-T\u00e9rmino para resolver \u00a0 Referencia: expediente T- 312842 \u00a0 Acci\u00f3n de tutela instaurada por Mar\u00eda In\u00e9s Pinilla Vda. de Bernal contra el Ministerio de Defensa, Grupo de Prestaciones. \u00a0 Procedencia: Tribunal Superior Sala de Familia de Bogot\u00e1 \u00a0 Magistrado Ponente:\u00a0 \u00a0 Dr. ALEJANDRO MART\u00cdNEZ CABALLERO \u00a0 Bogot\u00e1 D.C., dieciocho (18) de agosto del dos mil (2000). \u00a0 La Sala Sexta de Revisi\u00f3n de la Corte Constitucional, integrada por los Magistrados Alejandro Mart\u00ednez Caballero, Fabio Mor\u00f3n D\u00edaz y Vladimiro Naranjo Mesa, ...<br \/><div class=\"pt-cv-rmwrap\"><a href=\"https:\/\/www.dmsjuridica.com\/buscador_20179478954\/corteconstitucionalcronologico202454587\/t-1077-00\/\" class=\"_self pt-cv-readmore btn btn-success\" target=\"_self\">Ver Sentencia Completa...<\/a><\/div><\/div><\/div><\/div>\n<div class=\"col-md-12 col-sm-12 col-xs-12 pt-cv-content-item pt-cv-1-col\" ><div class='pt-cv-ifield'><a href=\"https:\/\/www.dmsjuridica.com\/buscador_20179478954\/corteconstitucionalcronologico202454587\/t-1076-00\/\" class=\"_self pt-cv-href-thumbnail pt-cv-thumb-default\" target=\"_self\" ><\/a>\n<div class=\"pt-cv-taxoterm above_title\"><a href='https:\/\/www.dmsjuridica.com\/buscador_20179478954\/corteconstitucionalcronologico202454587\/category\/buscar-en-toda-la-corte\/2000\/tutelas-2000\/' title='Tutelas 2000' class='pt-cv-tax-tutelas-2000'>Tutelas 2000<\/a><\/div>\n<h4 class=\"pt-cv-title\"><a href=\"https:\/\/www.dmsjuridica.com\/buscador_20179478954\/corteconstitucionalcronologico202454587\/t-1076-00\/\" class=\"_self\" target=\"_self\" >T-1076-00<\/a><\/h4>\n<div class=\"pt-cv-content\">\u00a0 \u00a0 Sentencia T-1076\/00 \u00a0 ACCION DE TUTELA-Procedencia excepcional pago de salarios \u00a0 DERECHO AL PAGO OPORTUNO DEL SALARIO-Fundamental \u00a0 DERECHO AL MINIMO VITAL DEL TRABAJADOR-Pago oportuno de salarios \u00a0 Referencia: expedientes T-312779, 312780, 312781, 312782 y 312788 acumulados. \u00a0 Procedencia: Juzgado del Circuito en lo Civil de Turbo y Sala Civil del Tribunal Superior de Antioquia \u00a0 \u00a0 \u00a0 Actores: Bernardo Quinto Cuesta, Benilda Mart\u00ednez Mena, Manuel Moreno Cuesta, Jes\u00fas Antonio Pinilla Palacios, Pl\u00e1cido Cuesta Cuesta, Nidis Mar\u00eda Palacio Jim\u00e9nez y Juan Manuel Mart\u00ednez Vergara. \u00a0 Magistrado Ponente: \u00a0 Dr. ALEJANDRO MARTINEZ CABALLERO \u00a0 Santa Fe de Bogot\u00e1, D.C., ...<br \/><div class=\"pt-cv-rmwrap\"><a href=\"https:\/\/www.dmsjuridica.com\/buscador_20179478954\/corteconstitucionalcronologico202454587\/t-1076-00\/\" class=\"_self pt-cv-readmore btn btn-success\" target=\"_self\">Ver Sentencia Completa...<\/a><\/div><\/div><\/div><\/div>\n<div class=\"col-md-12 col-sm-12 col-xs-12 pt-cv-content-item pt-cv-1-col\" ><div class='pt-cv-ifield'><a href=\"https:\/\/www.dmsjuridica.com\/buscador_20179478954\/corteconstitucionalcronologico202454587\/t-1075-00\/\" class=\"_self pt-cv-href-thumbnail pt-cv-thumb-default\" target=\"_self\" ><\/a>\n<div class=\"pt-cv-taxoterm above_title\"><a href='https:\/\/www.dmsjuridica.com\/buscador_20179478954\/corteconstitucionalcronologico202454587\/category\/buscar-en-toda-la-corte\/2000\/tutelas-2000\/' title='Tutelas 2000' class='pt-cv-tax-tutelas-2000'>Tutelas 2000<\/a><\/div>\n<h4 class=\"pt-cv-title\"><a href=\"https:\/\/www.dmsjuridica.com\/buscador_20179478954\/corteconstitucionalcronologico202454587\/t-1075-00\/\" class=\"_self\" target=\"_self\" >T-1075-00<\/a><\/h4>\n<div class=\"pt-cv-content\">\u00a0 \u00a0 Sentencia T-1075\/00 \u00a0 DERECHO A LA REMUNERACION\/PRINCIPIO DE REMUNERACION PROPORCIONAL A LA CANTIDAD Y CALIDAD DE TRABAJO\/PRINCIPIO A TRABAJO IGUAL SALARIO IGUAL-Alcance \u00a0 TRATAMIENTO DIFERENCIADO EN PAGO DE SALARIOS-Justificaci\u00f3n objetiva y razonable \u00a0 DERECHO AL TRABAJO EN CONDICIONES DIGNAS Y JUSTAS-Protecci\u00f3n \u00a0 Referencia: expediente T-301.593 \u00a0 Magistrado Ponente:\u00a0 \u00a0 Dr. ALEJANDRO MART\u00cdNEZ CABALLERO \u00a0 La Sala Sexta de Revisi\u00f3n de la Corte Constitucional, en ejercicio de sus competencias constitucionales y legales, ha proferido Sentencia en la acci\u00f3n de tutela interpuesta, mediante apoderado, por Luz Amparo Bejarano Moreno contra la Entidad Cooperativa Ltda. FEBOR. \u00a0 I. ANTECEDENTES \u00a0 1 ...<br \/><div class=\"pt-cv-rmwrap\"><a href=\"https:\/\/www.dmsjuridica.com\/buscador_20179478954\/corteconstitucionalcronologico202454587\/t-1075-00\/\" class=\"_self pt-cv-readmore btn btn-success\" target=\"_self\">Ver Sentencia Completa...<\/a><\/div><\/div><\/div><\/div>\n<div class=\"col-md-12 col-sm-12 col-xs-12 pt-cv-content-item pt-cv-1-col\" ><div class='pt-cv-ifield'><a href=\"https:\/\/www.dmsjuridica.com\/buscador_20179478954\/corteconstitucionalcronologico202454587\/t-1074-00\/\" class=\"_self pt-cv-href-thumbnail pt-cv-thumb-default\" target=\"_self\" ><\/a>\n<div class=\"pt-cv-taxoterm above_title\"><a href='https:\/\/www.dmsjuridica.com\/buscador_20179478954\/corteconstitucionalcronologico202454587\/category\/buscar-en-toda-la-corte\/2000\/tutelas-2000\/' title='Tutelas 2000' class='pt-cv-tax-tutelas-2000'>Tutelas 2000<\/a><\/div>\n<h4 class=\"pt-cv-title\"><a href=\"https:\/\/www.dmsjuridica.com\/buscador_20179478954\/corteconstitucionalcronologico202454587\/t-1074-00\/\" class=\"_self\" target=\"_self\" >T-1074-00<\/a><\/h4>\n<div class=\"pt-cv-content\">\u00a0 \u00a0 Sentencia T-1074\/00 \u00a0 DERECHO DE PETICION Y ACCESO A DOCUMENTOS PUBLICOS-Solicitud de copias \u00a0 Referencia: expediente T-315079 \u00a0 Acci\u00f3n de tutela instaurada por Teofilo Manuel Narv\u00e1ez Mendoza contra el Fondo de Pasivo Social de la empresa Puertos de Colombia. \u00a0 Magistrado Ponente: \u00a0 Dr. ALEJANDRO MART\u00cdNEZ CABALLERO \u00a0 Bogot\u00e1, D.C., a los diecisiete (17) d\u00edas del mes de agosto de dos mil (2000). \u00a0 La Sala Sexta de Revisi\u00f3n de la Corte Constitucional, en ejercicio de sus competencias constitucionales y legales, en particular las previstas contenidas en los art\u00edculos 86 y 241, numeral 9, de la Constituci\u00f3n y ...<br \/><div class=\"pt-cv-rmwrap\"><a href=\"https:\/\/www.dmsjuridica.com\/buscador_20179478954\/corteconstitucionalcronologico202454587\/t-1074-00\/\" class=\"_self pt-cv-readmore btn btn-success\" target=\"_self\">Ver Sentencia Completa...<\/a><\/div><\/div><\/div><\/div>\n<div class=\"col-md-12 col-sm-12 col-xs-12 pt-cv-content-item pt-cv-1-col\" ><div class='pt-cv-ifield'><a href=\"https:\/\/www.dmsjuridica.com\/buscador_20179478954\/corteconstitucionalcronologico202454587\/t-1073-00\/\" class=\"_self pt-cv-href-thumbnail pt-cv-thumb-default\" target=\"_self\" ><\/a>\n<div class=\"pt-cv-taxoterm above_title\"><a href='https:\/\/www.dmsjuridica.com\/buscador_20179478954\/corteconstitucionalcronologico202454587\/category\/buscar-en-toda-la-corte\/2000\/tutelas-2000\/' title='Tutelas 2000' class='pt-cv-tax-tutelas-2000'>Tutelas 2000<\/a><\/div>\n<h4 class=\"pt-cv-title\"><a href=\"https:\/\/www.dmsjuridica.com\/buscador_20179478954\/corteconstitucionalcronologico202454587\/t-1073-00\/\" class=\"_self\" target=\"_self\" >T-1073-00<\/a><\/h4>\n<div class=\"pt-cv-content\">\u00a0 \u00a0 Sentencia T-1073\/00 \u00a0 ACCION DE TUTELA-Procedencia excepcional pago de acreencias laborales \u00a0 PERJUICIO IRREMEDIABLE-No pago oportuno de mesadas pensionales por situaci\u00f3n concordataria de empresa \u00a0 PROCESO CONCORDATARIO O LIQUIDATORIO-Pago preferente de obligaciones laborales y prestacionales \u00a0 EMPLEADOR-Asunci\u00f3n de responsabilidad por mora en aportes en salud \u00a0 Reiteraci\u00f3n de Jurisprudencia \u00a0 Referencia: expediente T-312460 \u00a0 Acci\u00f3n de tutela instaurada por Gabriel D\u00edaz Rodr\u00edguez contra la Compa\u00f1\u00eda de Inversiones de la Flota Mercante S.A.- en liquidaci\u00f3n. \u00a0 Magistrado Ponente: \u00a0 Dr. ALEJANDRO MART\u00cdNEZ CABALLERO \u00a0 Bogot\u00e1, D.C., a los diecisiete (17) d\u00edas del mes de agosto de dos mil (2000) ...<br \/><div class=\"pt-cv-rmwrap\"><a href=\"https:\/\/www.dmsjuridica.com\/buscador_20179478954\/corteconstitucionalcronologico202454587\/t-1073-00\/\" class=\"_self pt-cv-readmore btn btn-success\" target=\"_self\">Ver Sentencia Completa...<\/a><\/div><\/div><\/div><\/div>\n<div class=\"col-md-12 col-sm-12 col-xs-12 pt-cv-content-item pt-cv-1-col\" ><div class='pt-cv-ifield'><a href=\"https:\/\/www.dmsjuridica.com\/buscador_20179478954\/corteconstitucionalcronologico202454587\/t-1072-00\/\" class=\"_self pt-cv-href-thumbnail pt-cv-thumb-default\" target=\"_self\" ><\/a>\n<div class=\"pt-cv-taxoterm above_title\"><a href='https:\/\/www.dmsjuridica.com\/buscador_20179478954\/corteconstitucionalcronologico202454587\/category\/buscar-en-toda-la-corte\/2000\/tutelas-2000\/' title='Tutelas 2000' class='pt-cv-tax-tutelas-2000'>Tutelas 2000<\/a><\/div>\n<h4 class=\"pt-cv-title\"><a href=\"https:\/\/www.dmsjuridica.com\/buscador_20179478954\/corteconstitucionalcronologico202454587\/t-1072-00\/\" class=\"_self\" target=\"_self\" >T-1072-00<\/a><\/h4>\n<div class=\"pt-cv-content\">\u00a0 \u00a0 Sentencia T-1072\/00 \u00a0 ACCION DE TUTELA CONTRA PROVIDENCIAS JUDICIALES-Procedencia excepcional por v\u00eda de hecho \u00a0 PRINCIPIO DE AUTONOMIA FUNCIONAL DEL JUEZ-Sometimiento al imperio de la ley \u00a0 VIA DE HECHO-Clases de defectos en la actuaci\u00f3n \u00a0 PRUEBA-Importancia del juez \u00a0 VIA DE HECHO-An\u00e1lisis y valoraci\u00f3n de pruebas por los jueces \u00a0 APLICACION DE LEY POR EL JUEZ-Requiere interpretaci\u00f3n a partir de las pruebas y de las normas jur\u00eddicas \u00a0 La aplicaci\u00f3n de la ley o adjudication es un proceso complejo y, si bien en sus diversas fases est\u00e1 comprometida la interpretaci\u00f3n de la ley, el an\u00e1lisis que hace ...<br \/><div class=\"pt-cv-rmwrap\"><a href=\"https:\/\/www.dmsjuridica.com\/buscador_20179478954\/corteconstitucionalcronologico202454587\/t-1072-00\/\" class=\"_self pt-cv-readmore btn btn-success\" target=\"_self\">Ver Sentencia Completa...<\/a><\/div><\/div><\/div><\/div>\n<div class=\"col-md-12 col-sm-12 col-xs-12 pt-cv-content-item pt-cv-1-col\" ><div class='pt-cv-ifield'><a href=\"https:\/\/www.dmsjuridica.com\/buscador_20179478954\/corteconstitucionalcronologico202454587\/t-1071-00\/\" class=\"_self pt-cv-href-thumbnail pt-cv-thumb-default\" target=\"_self\" ><\/a>\n<div class=\"pt-cv-taxoterm above_title\"><a href='https:\/\/www.dmsjuridica.com\/buscador_20179478954\/corteconstitucionalcronologico202454587\/category\/buscar-en-toda-la-corte\/2000\/tutelas-2000\/' title='Tutelas 2000' class='pt-cv-tax-tutelas-2000'>Tutelas 2000<\/a><\/div>\n<h4 class=\"pt-cv-title\"><a href=\"https:\/\/www.dmsjuridica.com\/buscador_20179478954\/corteconstitucionalcronologico202454587\/t-1071-00\/\" class=\"_self\" target=\"_self\" >T-1071-00<\/a><\/h4>\n<div class=\"pt-cv-content\">\u00a0 \u00a0 Sentencia T-1071\/00 \u00a0 VIA DE HECHO-Naturaleza \u00a0 ACCION DE TUTELA CONTRA PROVIDENCIAS JUDICIALES-Procedencia excepcional por v\u00eda de hecho \u00a0 Referencia: \u00a0expediente \u00a0T-298.854 \u00a0 Peticionario: Mauricio \u00a0Cheyne \u00a0Bonilla \u00a0 Procedencia : \u00a0 Tribunal Superior \u00a0de Santaf\u00e9 de Bogot\u00e1, Sala Civil \u00a0 Corte Suprema De Justicia, Sala De Casaci\u00f3n \u00a0Civil \u00a0Y Agraria. \u00a0 Magistrado ponente: \u00a0 Dr. VLADIMIRO NARANJO MESA \u00a0 Santaf\u00e9 de Bogot\u00e1 D.C., diecisiete (17) de agosto \u00a0de dos mil (2000). \u00a0 La sala octava \u00a0de revisi\u00f3n de la corte constitucional, conformada \u00a0por los magistrados \u00a0Vladimiro \u00a0Naranjo Mesa \u2013 presidente de la sala -, Alvaro Tafur Galvis \u00a0y ...<br \/><div class=\"pt-cv-rmwrap\"><a href=\"https:\/\/www.dmsjuridica.com\/buscador_20179478954\/corteconstitucionalcronologico202454587\/t-1071-00\/\" class=\"_self pt-cv-readmore btn btn-success\" target=\"_self\">Ver Sentencia Completa...<\/a><\/div><\/div><\/div><\/div>\n<div class=\"col-md-12 col-sm-12 col-xs-12 pt-cv-content-item pt-cv-1-col\" ><div class='pt-cv-ifield'><a href=\"https:\/\/www.dmsjuridica.com\/buscador_20179478954\/corteconstitucionalcronologico202454587\/t-107-00\/\" class=\"_self pt-cv-href-thumbnail pt-cv-thumb-default\" target=\"_self\" ><\/a>\n<div class=\"pt-cv-taxoterm above_title\"><a href='https:\/\/www.dmsjuridica.com\/buscador_20179478954\/corteconstitucionalcronologico202454587\/category\/buscar-en-toda-la-corte\/2000\/tutelas-2000\/' title='Tutelas 2000' class='pt-cv-tax-tutelas-2000'>Tutelas 2000<\/a><\/div>\n<h4 class=\"pt-cv-title\"><a href=\"https:\/\/www.dmsjuridica.com\/buscador_20179478954\/corteconstitucionalcronologico202454587\/t-107-00\/\" class=\"_self\" target=\"_self\" >T-107-00<\/a><\/h4>\n<div class=\"pt-cv-content\">\u00a0 \u00a0 Sentencia T-107\/00 \u00a0 ESTADO-Responsabilidad sobre j\u00f3venes reclutados\/SERVICIO MILITAR-Responsabilidad estatal en atenci\u00f3n de salud \u00a0 SERVICIO MILITAR-Atenci\u00f3n m\u00e9dica de quien adquiere enfermedad durante su prestaci\u00f3n\/DERECHO A LA SALUD-Continuaci\u00f3n atenci\u00f3n m\u00e9dica por adquirir incapacidad durante servicio militar\/MEDIO DE DEFENSA JUDICIAL-Eventuales prestaciones de quien adquiri\u00f3 incapacidad al prestar servicio militar\/DERECHO A LA SALUD-Protecci\u00f3n de quien prest\u00f3 servicio militar al encontrarse en circunstancia de debilidad manifiesta \u00a0 \u00a0 Reiteraci\u00f3n de jurisprudencia \u00a0 Referencia: expediente T-247588 \u00a0 Acci\u00f3n de tutela instaurada por Carlos Arturo Angulo Murillo, contra Sanidad Militar del Ej\u00e9rcito Nacional. \u00a0 Magistrado ponente:\u00a0 \u00a0 Dr. ANTONIO BARRERA CARBONELL \u00a0 Santaf\u00e9 de ...<br \/><div class=\"pt-cv-rmwrap\"><a href=\"https:\/\/www.dmsjuridica.com\/buscador_20179478954\/corteconstitucionalcronologico202454587\/t-107-00\/\" class=\"_self pt-cv-readmore btn btn-success\" target=\"_self\">Ver Sentencia Completa...<\/a><\/div><\/div><\/div><\/div>\n<div class=\"col-md-12 col-sm-12 col-xs-12 pt-cv-content-item pt-cv-1-col\" ><div class='pt-cv-ifield'><a href=\"https:\/\/www.dmsjuridica.com\/buscador_20179478954\/corteconstitucionalcronologico202454587\/t-1069-00\/\" class=\"_self pt-cv-href-thumbnail pt-cv-thumb-default\" target=\"_self\" ><\/a>\n<div class=\"pt-cv-taxoterm above_title\"><a href='https:\/\/www.dmsjuridica.com\/buscador_20179478954\/corteconstitucionalcronologico202454587\/category\/buscar-en-toda-la-corte\/2000\/tutelas-2000\/' title='Tutelas 2000' class='pt-cv-tax-tutelas-2000'>Tutelas 2000<\/a><\/div>\n<h4 class=\"pt-cv-title\"><a href=\"https:\/\/www.dmsjuridica.com\/buscador_20179478954\/corteconstitucionalcronologico202454587\/t-1069-00\/\" class=\"_self\" target=\"_self\" >T-1069-00<\/a><\/h4>\n<div class=\"pt-cv-content\">\u00a0 \u00a0 Sentencia T-1069\/00 \u00a0 DERECHO A LA SALUD-Conexidad con la vida \u00a0 ENTIDAD PROMOTORA DE SALUD-Repetici\u00f3n contra empleador \u00a0 Referencia: expediente T-303992 \u00a0 Procedencia: Sala Penal del Tribunal Superior de Medell\u00edn.\u00a0 \u00a0 \u00a0 \u00a0 Actora: Lucelly de Jes\u00fas Alvarez. \u00a0 Magistrado Ponente: \u00a0 Dr. ALEJANDRO MARTINEZ CABALLERO \u00a0 Santa Fe de Bogot\u00e1, D.C., \u00a0diecis\u00e9is (16) de agosto de dos mil (2.000). \u00a0 La Sala Sexta de Revisi\u00f3n de la Corte Constitucional, integrada por los Magistrados Alejandro Mart\u00ednez Caballero, Fabio Mor\u00f3n D\u00edaz y Vladimiro Naranjo Mesa, en ejercicio de sus competencias constitucionales y legales, ha proferido la siguiente\u00a0 \u00a0 SENTENCIA ...<br \/><div class=\"pt-cv-rmwrap\"><a href=\"https:\/\/www.dmsjuridica.com\/buscador_20179478954\/corteconstitucionalcronologico202454587\/t-1069-00\/\" class=\"_self pt-cv-readmore btn btn-success\" target=\"_self\">Ver Sentencia Completa...<\/a><\/div><\/div><\/div><\/div>\n<div class=\"col-md-12 col-sm-12 col-xs-12 pt-cv-content-item pt-cv-1-col\" ><div class='pt-cv-ifield'><a href=\"https:\/\/www.dmsjuridica.com\/buscador_20179478954\/corteconstitucionalcronologico202454587\/t-1068-00\/\" class=\"_self pt-cv-href-thumbnail pt-cv-thumb-default\" target=\"_self\" ><\/a>\n<div class=\"pt-cv-taxoterm above_title\"><a href='https:\/\/www.dmsjuridica.com\/buscador_20179478954\/corteconstitucionalcronologico202454587\/category\/buscar-en-toda-la-corte\/2000\/tutelas-2000\/' title='Tutelas 2000' class='pt-cv-tax-tutelas-2000'>Tutelas 2000<\/a><\/div>\n<h4 class=\"pt-cv-title\"><a href=\"https:\/\/www.dmsjuridica.com\/buscador_20179478954\/corteconstitucionalcronologico202454587\/t-1068-00\/\" class=\"_self\" target=\"_self\" >T-1068-00<\/a><\/h4>\n<div class=\"pt-cv-content\">\u00a0 \u00a0 Sentencia T-1068\/00 \u00a0 ACCION DE TUTELA-Procedencia excepcional pago de salarios \u00a0 DERECHO AL MINIMO VITAL DEL TRABAJADOR-Pago oportuno de salarios \u00a0 DERECHO AL TRABAJO EN CONDICIONES DIGNAS Y JUSTAS-Pago de salarios atrasados \u00a0 ENTIDAD PROMOTORA DE SALUD-Interrupci\u00f3n de servicios\/EMPLEADOR-Responsabilidad por no pago de aportes \u00a0 DERECHO A LA SALUD DEL ENFERMO DE SIDA-Fundamental por conexidad con la vida\/ENFERMO DE SIDA-Tratamiento m\u00e9dico \u00a0 Referencia: expedientes T-300634 y T-304081. \u00a0 Procedencia: Juzgado Primero Penal del Circuito de Barranquilla y Juzgado Segundo Penal Municipal de Basrranquilla. \u00a0 \u00a0 \u00a0 Actor: H\u00e9ctor Astudillo Fontalvo. \u00a0 Magistrado Ponente: \u00a0 Dr. ALEJANDRO MARTINEZ CABALLERO ...<br \/><div class=\"pt-cv-rmwrap\"><a href=\"https:\/\/www.dmsjuridica.com\/buscador_20179478954\/corteconstitucionalcronologico202454587\/t-1068-00\/\" class=\"_self pt-cv-readmore btn btn-success\" target=\"_self\">Ver Sentencia Completa...<\/a><\/div><\/div><\/div><\/div>\n<div class=\"col-md-12 col-sm-12 col-xs-12 pt-cv-content-item pt-cv-1-col\" ><div class='pt-cv-ifield'><a href=\"https:\/\/www.dmsjuridica.com\/buscador_20179478954\/corteconstitucionalcronologico202454587\/t-1060-00\/\" class=\"_self pt-cv-href-thumbnail pt-cv-thumb-default\" target=\"_self\" ><\/a>\n<div class=\"pt-cv-taxoterm above_title\"><a href='https:\/\/www.dmsjuridica.com\/buscador_20179478954\/corteconstitucionalcronologico202454587\/category\/buscar-en-toda-la-corte\/2000\/tutelas-2000\/' title='Tutelas 2000' class='pt-cv-tax-tutelas-2000'>Tutelas 2000<\/a><\/div>\n<h4 class=\"pt-cv-title\"><a href=\"https:\/\/www.dmsjuridica.com\/buscador_20179478954\/corteconstitucionalcronologico202454587\/t-1060-00\/\" class=\"_self\" target=\"_self\" >T-1060-00<\/a><\/h4>\n<div class=\"pt-cv-content\">\u00a0 \u00a0 Sentencia T-1060\/00 \u00a0 ACCION DE TUTELA-Subsidiariedad \u00a0 ACCION DE TUTELA Y SUSPENSION PROVISIONAL DE ACTO ADMINISTRATIVO-Alcance de la compatibilidad \u00a0 LIBERTAD DE ASOCIACION SINDICAL-Persecuci\u00f3n \u00a0 DERECHOS FUNDAMENTALES DE TRABAJADOR SINDICALIZADO-Evaluaci\u00f3n objetiva para calificaci\u00f3n de servicios\/DEFENSORIA DEL PUEBLO-Motivaci\u00f3n sobre calificaci\u00f3n de servicios de trabajador sindicalizado \u00a0 En el presente asunto no se trata de que el juez de tutela imponga cu\u00e1l ha de ser la calificaci\u00f3n que deba obtener por su desempe\u00f1o el empleado. Simplemente, sostiene la Corte que el trabajador tiene derecho a ser evaluado de manera objetiva y que la correspondiente decisi\u00f3n ha de estar plenamente motivada, ...<br \/><div class=\"pt-cv-rmwrap\"><a href=\"https:\/\/www.dmsjuridica.com\/buscador_20179478954\/corteconstitucionalcronologico202454587\/t-1060-00\/\" class=\"_self pt-cv-readmore btn btn-success\" target=\"_self\">Ver Sentencia Completa...<\/a><\/div><\/div><\/div><\/div>\n<div class=\"col-md-12 col-sm-12 col-xs-12 pt-cv-content-item pt-cv-1-col\" ><div class='pt-cv-ifield'><a href=\"https:\/\/www.dmsjuridica.com\/buscador_20179478954\/corteconstitucionalcronologico202454587\/t-106-00\/\" class=\"_self pt-cv-href-thumbnail pt-cv-thumb-default\" target=\"_self\" ><\/a>\n<div class=\"pt-cv-taxoterm above_title\"><a href='https:\/\/www.dmsjuridica.com\/buscador_20179478954\/corteconstitucionalcronologico202454587\/category\/buscar-en-toda-la-corte\/2000\/tutelas-2000\/' title='Tutelas 2000' class='pt-cv-tax-tutelas-2000'>Tutelas 2000<\/a><\/div>\n<h4 class=\"pt-cv-title\"><a href=\"https:\/\/www.dmsjuridica.com\/buscador_20179478954\/corteconstitucionalcronologico202454587\/t-106-00\/\" class=\"_self\" target=\"_self\" >T-106-00<\/a><\/h4>\n<div class=\"pt-cv-content\">\u00a0 \u00a0 Sentencia T-106\/00 \u00a0 ACCION DE TUTELA CONTRA PROVIDENCIAS JUDICIALES-Procedencia excepcional \u00a0 JUEZ-No est\u00e1 obligado a mantener inalterables los criterios e interpretaciones\/JUEZ-Alcance del precedente \u00a0 DERECHO A LA IGUALDAD EN DECISIONES JUDICIALES-Razones y fundamentos para determinaciones diversas en casos similares\/JUEZ-Funci\u00f3n dial\u00e9ctica sujeta a modificaciones y alteraciones\/PRINCIPIO DE AUTONOMIA E INDEPENDENCIA JUDICIAL-Modificaci\u00f3n criterio del juez en casos similares \u00a0 DERECHO A LA IGUALDAD EN DECISIONES JUDICIALES DE LA FISCALIA-Diferencia marcada que explica tratamiento distinto \u00a0 JUEZ DE TUTELA-Limitaciones frente a valoraci\u00f3n de pruebas realizada por el juez de conocimiento \u00a0 PRINCIPIO DE INMEDIACION DE LA PRUEBA-Evaluaci\u00f3n cr\u00edtica \u00a0 PRINCIPIO DE ...<br \/><div class=\"pt-cv-rmwrap\"><a href=\"https:\/\/www.dmsjuridica.com\/buscador_20179478954\/corteconstitucionalcronologico202454587\/t-106-00\/\" class=\"_self pt-cv-readmore btn btn-success\" target=\"_self\">Ver Sentencia Completa...<\/a><\/div><\/div><\/div><\/div>\n<div class=\"col-md-12 col-sm-12 col-xs-12 pt-cv-content-item pt-cv-1-col\" ><div class='pt-cv-ifield'><a href=\"https:\/\/www.dmsjuridica.com\/buscador_20179478954\/corteconstitucionalcronologico202454587\/t-1059-00\/\" class=\"_self pt-cv-href-thumbnail pt-cv-thumb-default\" target=\"_self\" ><\/a>\n<div class=\"pt-cv-taxoterm above_title\"><a href='https:\/\/www.dmsjuridica.com\/buscador_20179478954\/corteconstitucionalcronologico202454587\/category\/buscar-en-toda-la-corte\/2000\/tutelas-2000\/' title='Tutelas 2000' class='pt-cv-tax-tutelas-2000'>Tutelas 2000<\/a><\/div>\n<h4 class=\"pt-cv-title\"><a href=\"https:\/\/www.dmsjuridica.com\/buscador_20179478954\/corteconstitucionalcronologico202454587\/t-1059-00\/\" class=\"_self\" target=\"_self\" >T-1059-00<\/a><\/h4>\n<div class=\"pt-cv-content\">\u00a0 \u00a0 Sentencia T-1059\/00 \u00a0 ACCION DE TUTELA-Subsidiariedad\/ACCION DE TUTELA-Improcedencia pago deudas laborales \u00a0 Referencia: expediente T-301100 \u00a0 Acci\u00f3n de tutela incoada por Rafael Cely Cely contra la \"Empresa Cementos Diamante del Tolima S.A.\" \u00a0 Magistrado Ponente: \u00a0 Dr. JOS\u00c9 GREGORIO HERN\u00c1NDEZ GALINDO\u00a0 \u00a0 Santa Fe de Bogot\u00e1, D.C., catorce (14) de agosto de dos mil (2000). \u00a0 La Sala Quinta de Revisi\u00f3n de la Corte Constitucional, en ejercicio de sus competencias constitucionales y legales, espec\u00edficamente las previstas en los art\u00edculos 86 y \u00a0241, numeral 9, de la Constituci\u00f3n Pol\u00edtica y en el Decreto 2591 de 1991, ha proferido la ...<br \/><div class=\"pt-cv-rmwrap\"><a href=\"https:\/\/www.dmsjuridica.com\/buscador_20179478954\/corteconstitucionalcronologico202454587\/t-1059-00\/\" class=\"_self pt-cv-readmore btn btn-success\" target=\"_self\">Ver Sentencia Completa...<\/a><\/div><\/div><\/div><\/div>\n<div class=\"col-md-12 col-sm-12 col-xs-12 pt-cv-content-item pt-cv-1-col\" ><div class='pt-cv-ifield'><a href=\"https:\/\/www.dmsjuridica.com\/buscador_20179478954\/corteconstitucionalcronologico202454587\/t-1057-00\/\" class=\"_self pt-cv-href-thumbnail pt-cv-thumb-default\" target=\"_self\" ><\/a>\n<div class=\"pt-cv-taxoterm above_title\"><a href='https:\/\/www.dmsjuridica.com\/buscador_20179478954\/corteconstitucionalcronologico202454587\/category\/buscar-en-toda-la-corte\/2000\/tutelas-2000\/' title='Tutelas 2000' class='pt-cv-tax-tutelas-2000'>Tutelas 2000<\/a><\/div>\n<h4 class=\"pt-cv-title\"><a href=\"https:\/\/www.dmsjuridica.com\/buscador_20179478954\/corteconstitucionalcronologico202454587\/t-1057-00\/\" class=\"_self\" target=\"_self\" >T-1057-00<\/a><\/h4>\n<div class=\"pt-cv-content\">VIA DE HECHO-Procedencia excepcional de tutela \u00a0 VIA DE HECHO-Inexistencia por omisi\u00f3n del particular en porte de correo para env\u00edo de expediente \u00a0 Referencia: expediente T- 306701 \u00a0 Acci\u00f3n de tutela incoada por Calixto Nicholls contra el Juzgado Civil del Circuito de Rionegro (Antioquia).\u00a0 \u00a0 Magistrado Ponente: \u00a0 Dr. JOS\u00c9 GREGORIO HERN\u00c1NDEZ GALINDO \u00a0 Santa Fe de Bogot\u00e1, D.C., catorce (14) de agosto de dos mil (2000). \u00a0 La Sala Quinta de Revisi\u00f3n de la Corte Constitucional, en ejercicio de sus competencias constitucionales y legales, espec\u00edficamente las previstas en los art\u00edculos 86 y \u00a0241, numeral 9, de la Constituci\u00f3n Pol\u00edtica ...<br \/><div class=\"pt-cv-rmwrap\"><a href=\"https:\/\/www.dmsjuridica.com\/buscador_20179478954\/corteconstitucionalcronologico202454587\/t-1057-00\/\" class=\"_self pt-cv-readmore btn btn-success\" target=\"_self\">Ver Sentencia Completa...<\/a><\/div><\/div><\/div><\/div>\n<div class=\"col-md-12 col-sm-12 col-xs-12 pt-cv-content-item pt-cv-1-col\" ><div class='pt-cv-ifield'><a href=\"https:\/\/www.dmsjuridica.com\/buscador_20179478954\/corteconstitucionalcronologico202454587\/t-1056-00\/\" class=\"_self pt-cv-href-thumbnail pt-cv-thumb-default\" target=\"_self\" ><\/a>\n<div class=\"pt-cv-taxoterm above_title\"><a href='https:\/\/www.dmsjuridica.com\/buscador_20179478954\/corteconstitucionalcronologico202454587\/category\/buscar-en-toda-la-corte\/2000\/tutelas-2000\/' title='Tutelas 2000' class='pt-cv-tax-tutelas-2000'>Tutelas 2000<\/a><\/div>\n<h4 class=\"pt-cv-title\"><a href=\"https:\/\/www.dmsjuridica.com\/buscador_20179478954\/corteconstitucionalcronologico202454587\/t-1056-00\/\" class=\"_self\" target=\"_self\" >T-1056-00<\/a><\/h4>\n<div class=\"pt-cv-content\">\u00a0 \u00a0 Sentencia T-1056\/00 \u00a0 ACCION DE TUTELA-Procedencia excepcional pago de salarios \u00a0 DERECHO AL MINIMO VITAL DEL TRABAJADOR-Pago oportuno de salarios \u00a0 Referencia: expedientes T-306211 y T-306213 (acumulados) \u00a0 Acci\u00f3n de tutela instaurada por Germ\u00e1n Var\u00f3n Cardoso, Gloria Amparo G\u00f3mez de Davia y, Ana Betty M\u00e9ndez C\u00e1ceres. \u00a0 Procedencia: Juzgado Sexto Penal Municipal de Ibagu\u00e9. \u00a0 Magistrado Ponente:\u00a0 \u00a0 Dr. ALEJANDRO MART\u00cdNEZ CABALLERO \u00a0 Santa Fe de Bogot\u00e1, once ( 11) de agosto de dos mil (2000) \u00a0 La Sala Sexta de Revisi\u00f3n de la Corte Constitucional, integrada por los Magistrados Alejandro Mart\u00ednez Caballero, Fabio Mor\u00f3n D\u00edaz y Vladimiro ...<br \/><div class=\"pt-cv-rmwrap\"><a href=\"https:\/\/www.dmsjuridica.com\/buscador_20179478954\/corteconstitucionalcronologico202454587\/t-1056-00\/\" class=\"_self pt-cv-readmore btn btn-success\" target=\"_self\">Ver Sentencia Completa...<\/a><\/div><\/div><\/div><\/div>\n<div class=\"col-md-12 col-sm-12 col-xs-12 pt-cv-content-item pt-cv-1-col\" ><div class='pt-cv-ifield'><a href=\"https:\/\/www.dmsjuridica.com\/buscador_20179478954\/corteconstitucionalcronologico202454587\/t-1055-00\/\" class=\"_self pt-cv-href-thumbnail pt-cv-thumb-default\" target=\"_self\" ><\/a>\n<div class=\"pt-cv-taxoterm above_title\"><a href='https:\/\/www.dmsjuridica.com\/buscador_20179478954\/corteconstitucionalcronologico202454587\/category\/buscar-en-toda-la-corte\/2000\/tutelas-2000\/' title='Tutelas 2000' class='pt-cv-tax-tutelas-2000'>Tutelas 2000<\/a><\/div>\n<h4 class=\"pt-cv-title\"><a href=\"https:\/\/www.dmsjuridica.com\/buscador_20179478954\/corteconstitucionalcronologico202454587\/t-1055-00\/\" class=\"_self\" target=\"_self\" >T-1055-00<\/a><\/h4>\n<div class=\"pt-cv-content\">DERECHO A LA SALUD-Conexidad con la vida \u00a0 INAPLICACION DE NORMAS DEL PLAN OBLIGATORIO DE SALUD-Casos en que procede por exclusi\u00f3n de tratamientos y medicamentos de alto costo \u00a0 ACCION DE TUTELA-Hecho superado \u00a0 Referencia: expediente T-296260 \u00a0 \u00a0 \u00a0 Accionante: Roberto Rojas \u00a0 Accionado: Salud Colmena \u00a0E.P.S.\u00a0 \u00a0 Magistrado Ponente: \u00a0 Dr. ALEJANDRO MARTINEZ CABALLERO \u00a0 Santa Fe de Bogot\u00e1, D.C., once \u00a0(11) de agosto de dos mil (2000).\u00a0 \u00a0 La Sala Sexta de Revisi\u00f3n de la Corte Constitucional, integrada por los Magistrados doctores Fabio Mor\u00f3n D\u00edaz, Vladimiro Naranjo Mesa y Alejandro Mart\u00ednez Caballero, quien la preside, en ejercicio ...<br \/><div class=\"pt-cv-rmwrap\"><a href=\"https:\/\/www.dmsjuridica.com\/buscador_20179478954\/corteconstitucionalcronologico202454587\/t-1055-00\/\" class=\"_self pt-cv-readmore btn btn-success\" target=\"_self\">Ver Sentencia Completa...<\/a><\/div><\/div><\/div><\/div>\n<div class=\"col-md-12 col-sm-12 col-xs-12 pt-cv-content-item pt-cv-1-col\" ><div class='pt-cv-ifield'><a href=\"https:\/\/www.dmsjuridica.com\/buscador_20179478954\/corteconstitucionalcronologico202454587\/t-1054-00\/\" class=\"_self pt-cv-href-thumbnail pt-cv-thumb-default\" target=\"_self\" ><\/a>\n<div class=\"pt-cv-taxoterm above_title\"><a href='https:\/\/www.dmsjuridica.com\/buscador_20179478954\/corteconstitucionalcronologico202454587\/category\/buscar-en-toda-la-corte\/2000\/tutelas-2000\/' title='Tutelas 2000' class='pt-cv-tax-tutelas-2000'>Tutelas 2000<\/a><\/div>\n<h4 class=\"pt-cv-title\"><a href=\"https:\/\/www.dmsjuridica.com\/buscador_20179478954\/corteconstitucionalcronologico202454587\/t-1054-00\/\" class=\"_self\" target=\"_self\" >T-1054-00<\/a><\/h4>\n<div class=\"pt-cv-content\">\u00a0 \u00a0 Sentencia T-1054\/00 \u00a0 DERECHO A LA SALUD-Conexidad con la vida \u00a0 ACCION DE TUTELA-Protecci\u00f3n preventiva y no solo en casos de gravedad \u00a0 DERECHO A LA SALUD-Pr\u00e1ctica de ex\u00e1menes por EPS \u00a0 DERECHO DE PETICION-Respuesta oportuna y de fondo \u00a0 Referencia: expediente T-293275 \u00a0 Accionante: Jos\u00e9 Libardo Montoya \u00a0Montoya. \u00a0 Accionado: EPS Cajanal- Seccional Tolima y Ministerio de Minas y Energ\u00eda.\u00a0 \u00a0 Magistrado Ponente: \u00a0 Dr. ALEJANDRO MARTINEZ CABALLERO \u00a0 Santa Fe de Bogot\u00e1, D.C., once (11) de agosto de dos mil (2000).\u00a0 \u00a0 La Sala Sexta de Revisi\u00f3n de la Corte Constitucional, integrada por los Magistrados doctores ...<br \/><div class=\"pt-cv-rmwrap\"><a href=\"https:\/\/www.dmsjuridica.com\/buscador_20179478954\/corteconstitucionalcronologico202454587\/t-1054-00\/\" class=\"_self pt-cv-readmore btn btn-success\" target=\"_self\">Ver Sentencia Completa...<\/a><\/div><\/div><\/div><\/div>\n<div class=\"col-md-12 col-sm-12 col-xs-12 pt-cv-content-item pt-cv-1-col\" ><div class='pt-cv-ifield'><a href=\"https:\/\/www.dmsjuridica.com\/buscador_20179478954\/corteconstitucionalcronologico202454587\/t-1053-00\/\" class=\"_self pt-cv-href-thumbnail pt-cv-thumb-default\" target=\"_self\" ><\/a>\n<div class=\"pt-cv-taxoterm above_title\"><a href='https:\/\/www.dmsjuridica.com\/buscador_20179478954\/corteconstitucionalcronologico202454587\/category\/buscar-en-toda-la-corte\/2000\/tutelas-2000\/' title='Tutelas 2000' class='pt-cv-tax-tutelas-2000'>Tutelas 2000<\/a><\/div>\n<h4 class=\"pt-cv-title\"><a href=\"https:\/\/www.dmsjuridica.com\/buscador_20179478954\/corteconstitucionalcronologico202454587\/t-1053-00\/\" class=\"_self\" target=\"_self\" >T-1053-00<\/a><\/h4>\n<div class=\"pt-cv-content\">\u00a0 \u00a0 Sentencia T-1053\/00 \u00a0 Referencia: expediente T- 301961 \u00a0 \u00a0 \u00a0 Acci\u00f3n de tutela instaurada por Lupe L\u00f3pez y Maria Maestre Vs. Saludcoop EPS \u00a0 Magistrado Ponente: \u00a0 Dr. ALEJANDRO MARTINEZ CABALLERO \u00a0 Santa Fe de Bogot\u00e1, D.C., once (11) de agosto del dos mil (2000) \u00a0 La Sala Sexta de Revisi\u00f3n de la Corte Constitucional, integrada por los Magistrados doctores Alejandro Mart\u00ednez Caballero, Fabio Mor\u00f3n D\u00edaz y Vladimiro Naranjo Mesa, en ejercicio de sus competencias constitucionales y legales, ha proferido la siguiente\u00a0 \u00a0 SENTENCIA \u00a0 Dentro de la acci\u00f3n de revisi\u00f3n de las siguientes sentencias: la de 21 ...<br \/><div class=\"pt-cv-rmwrap\"><a href=\"https:\/\/www.dmsjuridica.com\/buscador_20179478954\/corteconstitucionalcronologico202454587\/t-1053-00\/\" class=\"_self pt-cv-readmore btn btn-success\" target=\"_self\">Ver Sentencia Completa...<\/a><\/div><\/div><\/div><\/div>\n<div class=\"col-md-12 col-sm-12 col-xs-12 pt-cv-content-item pt-cv-1-col\" ><div class='pt-cv-ifield'><a href=\"https:\/\/www.dmsjuridica.com\/buscador_20179478954\/corteconstitucionalcronologico202454587\/t-105-00\/\" class=\"_self pt-cv-href-thumbnail pt-cv-thumb-default\" target=\"_self\" ><\/a>\n<div class=\"pt-cv-taxoterm above_title\"><a href='https:\/\/www.dmsjuridica.com\/buscador_20179478954\/corteconstitucionalcronologico202454587\/category\/buscar-en-toda-la-corte\/2000\/tutelas-2000\/' title='Tutelas 2000' class='pt-cv-tax-tutelas-2000'>Tutelas 2000<\/a><\/div>\n<h4 class=\"pt-cv-title\"><a href=\"https:\/\/www.dmsjuridica.com\/buscador_20179478954\/corteconstitucionalcronologico202454587\/t-105-00\/\" class=\"_self\" target=\"_self\" >T-105-00<\/a><\/h4>\n<div class=\"pt-cv-content\">\u00a0 \u00a0 Sentencia T-105\/00 \u00a0 ACCION DE INDEMNIZACION POR TRABAJOS PUBLICOS POR OCUPACION PERMANENTE-Instalaci\u00f3n de torres y l\u00edneas de conducci\u00f3n el\u00e9ctrica \u00a0 Referencia: expediente T-250971 \u00a0 Acci\u00f3n de tutela instaurada por Jorge Alberto Cure Arrieta y otros contra la Corporaci\u00f3n El\u00e9ctrica de la Costa Atl\u00e1ntica - CORELCA.\u00a0 \u00a0 Magistrado Ponente:\u00a0 \u00a0 Dr. ANTONIO BARRERA CARBONELL \u00a0 Santaf\u00e9 de Bogot\u00e1, D.C., febrero siete (7) de dos mil ( 2000). \u00a0 SENTENCIA, \u00a0 dentro del proceso de revisi\u00f3n de los fallos adoptados por los Juzgados Quince Civil Municipal de Barranquilla y Trece Civil del Circuito de la misma ciudad, dentro de la ...<br \/><div class=\"pt-cv-rmwrap\"><a href=\"https:\/\/www.dmsjuridica.com\/buscador_20179478954\/corteconstitucionalcronologico202454587\/t-105-00\/\" class=\"_self pt-cv-readmore btn btn-success\" target=\"_self\">Ver Sentencia Completa...<\/a><\/div><\/div><\/div><\/div>\n<div class=\"col-md-12 col-sm-12 col-xs-12 pt-cv-content-item pt-cv-1-col\" ><div class='pt-cv-ifield'><a href=\"https:\/\/www.dmsjuridica.com\/buscador_20179478954\/corteconstitucionalcronologico202454587\/t-1041-00\/\" class=\"_self pt-cv-href-thumbnail pt-cv-thumb-default\" target=\"_self\" ><\/a>\n<div class=\"pt-cv-taxoterm above_title\"><a href='https:\/\/www.dmsjuridica.com\/buscador_20179478954\/corteconstitucionalcronologico202454587\/category\/buscar-en-toda-la-corte\/2000\/tutelas-2000\/' title='Tutelas 2000' class='pt-cv-tax-tutelas-2000'>Tutelas 2000<\/a><\/div>\n<h4 class=\"pt-cv-title\"><a href=\"https:\/\/www.dmsjuridica.com\/buscador_20179478954\/corteconstitucionalcronologico202454587\/t-1041-00\/\" class=\"_self\" target=\"_self\" >T-1041-00<\/a><\/h4>\n<div class=\"pt-cv-content\">\u00a0 \u00a0 Sentencia T-1041\/00 \u00a0 DERECHO AL TRABAJO-Fundamental \u00a0 PRINCIPIO DE PRIMACIA DE REALIDAD SOBRE FORMALIDADES \u00a0ESTABLECIDAS POR SUJETOS DE RELACIONES LABORALES \u00a0 CONTRATO DE TRABAJO Y CONTRATO DE PRESTACION DE SERVICIOS-Diferencias \u00a0 PERSONAL DOCENTE-Pago de salarios\/DERECHO AL MINIMO VITAL DEL TRABAJADOR-Pago de salarios atrasados \u00a0 Referencia: expediente T-310.877\u00a0 \u00a0 Acci\u00f3n de tutela instaurada por Dianis Mart\u00ednez Guti\u00e9rrez, Meibis Oca\u00f1a Oliveros, Jaime Bravo Herrera, Ninfa Rosa Camargo D\u00edaz, Mart\u00edn Oliveros Ruiz, Sandy Cecilia Delgado Arrieta y Edgardo Santodomingo Romero, contra el Municipio de Astrea, Departamento del Cesar.\u00a0 \u00a0 Magistrado Ponente: \u00a0 Dr. ALVARO TAFUR GALVIS. \u00a0 Santaf\u00e9 de Bogot\u00e1, D.C., ...<br \/><div class=\"pt-cv-rmwrap\"><a href=\"https:\/\/www.dmsjuridica.com\/buscador_20179478954\/corteconstitucionalcronologico202454587\/t-1041-00\/\" class=\"_self pt-cv-readmore btn btn-success\" target=\"_self\">Ver Sentencia Completa...<\/a><\/div><\/div><\/div><\/div>\n<div class=\"col-md-12 col-sm-12 col-xs-12 pt-cv-content-item pt-cv-1-col\" ><div class='pt-cv-ifield'><a href=\"https:\/\/www.dmsjuridica.com\/buscador_20179478954\/corteconstitucionalcronologico202454587\/t-1040-00\/\" class=\"_self pt-cv-href-thumbnail pt-cv-thumb-default\" target=\"_self\" ><\/a>\n<div class=\"pt-cv-taxoterm above_title\"><a href='https:\/\/www.dmsjuridica.com\/buscador_20179478954\/corteconstitucionalcronologico202454587\/category\/buscar-en-toda-la-corte\/2000\/tutelas-2000\/' title='Tutelas 2000' class='pt-cv-tax-tutelas-2000'>Tutelas 2000<\/a><\/div>\n<h4 class=\"pt-cv-title\"><a href=\"https:\/\/www.dmsjuridica.com\/buscador_20179478954\/corteconstitucionalcronologico202454587\/t-1040-00\/\" class=\"_self\" target=\"_self\" >T-1040-00<\/a><\/h4>\n<div class=\"pt-cv-content\">\u00a0 \u00a0 Sentencia T-1040\/00 \u00a0 FACULTADES EXTRAORDINARIAS PARA ORGANIZAR SISTEMA DE RIESGOS PROFESIONALES-No incluye autorizaci\u00f3n para dictar norma referente a costo de tr\u00e1mites originado en controversias sobre incapacidad permanente\/FACULTADES EXTRAORDINARIAS PARA ORGANIZAR SISTEMA DE RIESGOS PROFESIONALES-Calificaci\u00f3n grado de incapacidad y pago de costos para medir rango de incapacidad \u00a0 SEGURO SOCIAL-Valoraci\u00f3n m\u00e9dica para evaluar grado de incapacidad \u00a0 El actor est\u00e1 facultado para solicitarle al Instituto de los Seguros Sociales que se le realice otra valoraci\u00f3n m\u00e9dica, a cargo del Seguro. El Instituto tendr\u00eda que acceder a la petici\u00f3n del actor, siguiendo los lineamientos de la sentencia. Ciertamente, el Instituto ...<br \/><div class=\"pt-cv-rmwrap\"><a href=\"https:\/\/www.dmsjuridica.com\/buscador_20179478954\/corteconstitucionalcronologico202454587\/t-1040-00\/\" class=\"_self pt-cv-readmore btn btn-success\" target=\"_self\">Ver Sentencia Completa...<\/a><\/div><\/div><\/div><\/div>\n<div class=\"col-md-12 col-sm-12 col-xs-12 pt-cv-content-item pt-cv-1-col\" ><div class='pt-cv-ifield'><a href=\"https:\/\/www.dmsjuridica.com\/buscador_20179478954\/corteconstitucionalcronologico202454587\/t-104-00\/\" class=\"_self pt-cv-href-thumbnail pt-cv-thumb-default\" target=\"_self\" ><\/a>\n<div class=\"pt-cv-taxoterm above_title\"><a href='https:\/\/www.dmsjuridica.com\/buscador_20179478954\/corteconstitucionalcronologico202454587\/category\/buscar-en-toda-la-corte\/2000\/tutelas-2000\/' title='Tutelas 2000' class='pt-cv-tax-tutelas-2000'>Tutelas 2000<\/a><\/div>\n<h4 class=\"pt-cv-title\"><a href=\"https:\/\/www.dmsjuridica.com\/buscador_20179478954\/corteconstitucionalcronologico202454587\/t-104-00\/\" class=\"_self\" target=\"_self\" >T-104-00<\/a><\/h4>\n<div class=\"pt-cv-content\">\u00a0 \u00a0 Sentencia T-104\/00\u00a0 \u00a0 SENTENCIA DE REVISION DE TUTELA-Fallecimiento del enfermo \u00a0 MEDIO DE DEFENSA JUDICIAL-Reembolso de dinero por asunci\u00f3n de costos de tratamiento \u00a0 En cuanto a la pretensi\u00f3n relacionada con el reembolso de dineros gastados por el hijo de la afiliada en el tratamiento de su madre, en repetidas oportunidades la jurisprudencia constitucional ha sostenido que, en casos como en el presente la tutela s\u00f3lo procede cuando la acci\u00f3n u omisi\u00f3n de la entidad encargada de prestar el servicio p\u00fablico de salud, amenaza o vulnera derechos fundamentales, en manera alguna para definir obligaciones en dinero, cuyo pronunciamiento ...<br \/><div class=\"pt-cv-rmwrap\"><a href=\"https:\/\/www.dmsjuridica.com\/buscador_20179478954\/corteconstitucionalcronologico202454587\/t-104-00\/\" class=\"_self pt-cv-readmore btn btn-success\" target=\"_self\">Ver Sentencia Completa...<\/a><\/div><\/div><\/div><\/div>\n<div class=\"col-md-12 col-sm-12 col-xs-12 pt-cv-content-item pt-cv-1-col\" ><div class='pt-cv-ifield'><a href=\"https:\/\/www.dmsjuridica.com\/buscador_20179478954\/corteconstitucionalcronologico202454587\/t-1039-00\/\" class=\"_self pt-cv-href-thumbnail pt-cv-thumb-default\" target=\"_self\" ><\/a>\n<div class=\"pt-cv-taxoterm above_title\"><a href='https:\/\/www.dmsjuridica.com\/buscador_20179478954\/corteconstitucionalcronologico202454587\/category\/buscar-en-toda-la-corte\/2000\/tutelas-2000\/' title='Tutelas 2000' class='pt-cv-tax-tutelas-2000'>Tutelas 2000<\/a><\/div>\n<h4 class=\"pt-cv-title\"><a href=\"https:\/\/www.dmsjuridica.com\/buscador_20179478954\/corteconstitucionalcronologico202454587\/t-1039-00\/\" class=\"_self\" target=\"_self\" >T-1039-00<\/a><\/h4>\n<div class=\"pt-cv-content\">\u00a0 \u00a0 Sentencia T-1039\/00 \u00a0 ACCION DE TUTELA-Procedencia excepcional pago de salarios \u00a0 DERECHO A LA SUBSISTENCIA-Retribuci\u00f3n salarial \u00a0 Referencia: expediente T-310653 y T-310684 \u00a0 \u00a0 \u00a0 Procedencia: Tribunal Administrativo del Tolima \u00a0 Magistrado Ponente: \u00a0 Dr. ALEJANDRO MARTINEZ CABALLERO \u00a0 Santa Fe de Bogot\u00e1, D.C., nueve (9) de agosto de dos mil (2.000). \u00a0 La Sala Sexta de Revisi\u00f3n de la Corte Constitucional, integrada por los Magistrados doctores Alejandro Mart\u00ednez Caballero, Fabio Mor\u00f3n D\u00edaz y Vladimiro Naranjo Mesa, en ejercicio de sus competencias constitucionales y legales, ha proferido la siguiente\u00a0 \u00a0 SENTENCIA \u00a0 Dentro del proceso de revisi\u00f3n de ...<br \/><div class=\"pt-cv-rmwrap\"><a href=\"https:\/\/www.dmsjuridica.com\/buscador_20179478954\/corteconstitucionalcronologico202454587\/t-1039-00\/\" class=\"_self pt-cv-readmore btn btn-success\" target=\"_self\">Ver Sentencia Completa...<\/a><\/div><\/div><\/div><\/div>\n<div class=\"col-md-12 col-sm-12 col-xs-12 pt-cv-content-item pt-cv-1-col\" ><div class='pt-cv-ifield'><a href=\"https:\/\/www.dmsjuridica.com\/buscador_20179478954\/corteconstitucionalcronologico202454587\/t-1038-00\/\" class=\"_self pt-cv-href-thumbnail pt-cv-thumb-default\" target=\"_self\" ><\/a>\n<div class=\"pt-cv-taxoterm above_title\"><a href='https:\/\/www.dmsjuridica.com\/buscador_20179478954\/corteconstitucionalcronologico202454587\/category\/buscar-en-toda-la-corte\/2000\/tutelas-2000\/' title='Tutelas 2000' class='pt-cv-tax-tutelas-2000'>Tutelas 2000<\/a><\/div>\n<h4 class=\"pt-cv-title\"><a href=\"https:\/\/www.dmsjuridica.com\/buscador_20179478954\/corteconstitucionalcronologico202454587\/t-1038-00\/\" class=\"_self\" target=\"_self\" >T-1038-00<\/a><\/h4>\n<div class=\"pt-cv-content\">\u00a0 \u00a0 Sentencia T-1038\/00 \u00a0 ACCION DE TUTELA-Procedencia excepcional pago de salarios\/DERECHO AL MINIMO VITAL DEL TRABAJADOR-Pago oportuno de salarios \u00a0 DIGNIDAD HUMANA-Alcance \u00a0 ORGANOS DE CONTROL-Autonom\u00eda\/ORGANOS DE CONTROL-Gesti\u00f3n presupuestal y distribuci\u00f3n de partidas para pago oportuno de salarios \u00a0 JUEZ DE INSTANCIA-Verificaci\u00f3n cumplimiento de sentencia \u00a0 SENTENCIA DE TUTELA-Cumplimiento en d\u00edas y horas h\u00e1biles\/SENTENCIA DE TUTELA-Cumplimiento dentro de las 48 horas deben ser h\u00e1biles \u00a0 SENTENCIA DE TUTELA-Funciones del juez de primera instancia para el cumplimiento \u00a0 Referencia: expedientes T-303047, T-309980, T-310668, T-310875 \u00a0 Acci\u00f3n de tutela instaurada por Sandra Buritic\u00e1 y otros \u00a0 Procedencia: Juzgado Penal del Circuito ...<br \/><div class=\"pt-cv-rmwrap\"><a href=\"https:\/\/www.dmsjuridica.com\/buscador_20179478954\/corteconstitucionalcronologico202454587\/t-1038-00\/\" class=\"_self pt-cv-readmore btn btn-success\" target=\"_self\">Ver Sentencia Completa...<\/a><\/div><\/div><\/div><\/div>\n<div class=\"col-md-12 col-sm-12 col-xs-12 pt-cv-content-item pt-cv-1-col\" ><div class='pt-cv-ifield'><a href=\"https:\/\/www.dmsjuridica.com\/buscador_20179478954\/corteconstitucionalcronologico202454587\/t-1037-00\/\" class=\"_self pt-cv-href-thumbnail pt-cv-thumb-default\" target=\"_self\" ><\/a>\n<div class=\"pt-cv-taxoterm above_title\"><a href='https:\/\/www.dmsjuridica.com\/buscador_20179478954\/corteconstitucionalcronologico202454587\/category\/buscar-en-toda-la-corte\/2000\/tutelas-2000\/' title='Tutelas 2000' class='pt-cv-tax-tutelas-2000'>Tutelas 2000<\/a><\/div>\n<h4 class=\"pt-cv-title\"><a href=\"https:\/\/www.dmsjuridica.com\/buscador_20179478954\/corteconstitucionalcronologico202454587\/t-1037-00\/\" class=\"_self\" target=\"_self\" >T-1037-00<\/a><\/h4>\n<div class=\"pt-cv-content\">\u00a0 \u00a0 Sentencia T-1037\/00 \u00a0 DERECHO A LA SALUD-Conexidad con la vida \u00a0 DERECHO A LA SALUD-Protecci\u00f3n preventiva y no solo en casos de gravedad \u00a0 DERECHO A LA VIDA-Inexistencia de vulneraci\u00f3n por no realizaci\u00f3n de examen gen\u00e9tico \u00a0 Referencia: expediente T-310962 \u00a0 Accionante: Yosline Franco P\u00e9rez \u00a0 Accionado: Servicio Occidental de Salud\u00a0 \u00a0 S.A. \"S.O.S.\" Entidad Promotora de Salud. \u00a0 Magistrado Ponente: \u00a0 Dr. ALEJANDRO MARTINEZ CABALLERO \u00a0 Santa Fe de Bogot\u00e1, D.C., nueve \u00a0(9) de agosto de dos mil (2000).\u00a0 \u00a0 La Sala Sexta de Revisi\u00f3n de la Corte Constitucional, integrada por los Magistrados doctores Fabio Mor\u00f3n D\u00edaz, ...<br \/><div class=\"pt-cv-rmwrap\"><a href=\"https:\/\/www.dmsjuridica.com\/buscador_20179478954\/corteconstitucionalcronologico202454587\/t-1037-00\/\" class=\"_self pt-cv-readmore btn btn-success\" target=\"_self\">Ver Sentencia Completa...<\/a><\/div><\/div><\/div><\/div>\n<div class=\"col-md-12 col-sm-12 col-xs-12 pt-cv-content-item pt-cv-1-col\" ><div class='pt-cv-ifield'><a href=\"https:\/\/www.dmsjuridica.com\/buscador_20179478954\/corteconstitucionalcronologico202454587\/t-1036-00\/\" class=\"_self pt-cv-href-thumbnail pt-cv-thumb-default\" target=\"_self\" ><\/a>\n<div class=\"pt-cv-taxoterm above_title\"><a href='https:\/\/www.dmsjuridica.com\/buscador_20179478954\/corteconstitucionalcronologico202454587\/category\/buscar-en-toda-la-corte\/2000\/tutelas-2000\/' title='Tutelas 2000' class='pt-cv-tax-tutelas-2000'>Tutelas 2000<\/a><\/div>\n<h4 class=\"pt-cv-title\"><a href=\"https:\/\/www.dmsjuridica.com\/buscador_20179478954\/corteconstitucionalcronologico202454587\/t-1036-00\/\" class=\"_self\" target=\"_self\" >T-1036-00<\/a><\/h4>\n<div class=\"pt-cv-content\">\u00a0 \u00a0 Sentencia T-1036\/00 \u00a0 DERECHO A LA SALUD-Conexidad con la vida \u00a0 DERECHO A LA SALUD-Protecci\u00f3n preventiva y no solo en casos de gravedad \u00a0 DERECHO A LA VIDA-Inexistencia de vulneraci\u00f3n por no suministro de gafas \u00a0 Referencia: expediente T-309471 \u00a0 Accionante: Maria Leticia Arango Parra \u00a0 Accionado: Crearsalud IPS y Cajanal E.P.S.\u00a0 \u00a0 Magistrado Ponente: \u00a0 Dr. ALEJANDRO MARTINEZ CABALLERO \u00a0 Santa Fe de Bogot\u00e1, D.C., nueve \u00a0(9) de agosto de dos mil (2000).\u00a0 \u00a0 La Sala Sexta de Revisi\u00f3n de la Corte Constitucional, integrada por los Magistrados doctores Fabio Mor\u00f3n D\u00edaz, Vladimiro Naranjo Mesa y Alejandro Mart\u00ednez ...<br \/><div class=\"pt-cv-rmwrap\"><a href=\"https:\/\/www.dmsjuridica.com\/buscador_20179478954\/corteconstitucionalcronologico202454587\/t-1036-00\/\" class=\"_self pt-cv-readmore btn btn-success\" target=\"_self\">Ver Sentencia Completa...<\/a><\/div><\/div><\/div><\/div>\n<div class=\"col-md-12 col-sm-12 col-xs-12 pt-cv-content-item pt-cv-1-col\" ><div class='pt-cv-ifield'><a href=\"https:\/\/www.dmsjuridica.com\/buscador_20179478954\/corteconstitucionalcronologico202454587\/t-1035-00\/\" class=\"_self pt-cv-href-thumbnail pt-cv-thumb-default\" target=\"_self\" ><\/a>\n<div class=\"pt-cv-taxoterm above_title\"><a href='https:\/\/www.dmsjuridica.com\/buscador_20179478954\/corteconstitucionalcronologico202454587\/category\/buscar-en-toda-la-corte\/2000\/tutelas-2000\/' title='Tutelas 2000' class='pt-cv-tax-tutelas-2000'>Tutelas 2000<\/a><\/div>\n<h4 class=\"pt-cv-title\"><a href=\"https:\/\/www.dmsjuridica.com\/buscador_20179478954\/corteconstitucionalcronologico202454587\/t-1035-00\/\" class=\"_self\" target=\"_self\" >T-1035-00<\/a><\/h4>\n<div class=\"pt-cv-content\">\u00a0 \u00a0 Sentencia T-1035\/00 \u00a0 ACCION DE TUTELA-Procedencia excepcional pago de salarios \u00a0 DERECHO AL PAGO OPORTUNO DEL SALARIO-Fundamental \u00a0 DERECHO AL MINIMO VITAL DEL TRABAJADOR-Pago oportuno de salarios \u00a0 ACCION DE TUTELA-Improcedencia pago de salarios y prestaciones por inexistencia de perjuicio irremediable \u00a0 Referencia: expediente T-309815 \u00a0 \u00a0Accionante: Luis Hernando Zuleta Montoya \u00a0 \u00a0 \u00a0 Magistrado Ponente: \u00a0 Dr. ALEJANDRO MARTINEZ CABALLERO \u00a0 Santa Fe de Bogot\u00e1, D.C., \u00a0nueve (09) de agosto de dos mil (2.000). \u00a0 La Sala Sexta de Revisi\u00f3n de la Corte Constitucional, integrada por los Magistrados doctores Alejandro Mart\u00ednez Caballero, Fabio Mor\u00f3n D\u00edaz y Vladimiro ...<br \/><div class=\"pt-cv-rmwrap\"><a href=\"https:\/\/www.dmsjuridica.com\/buscador_20179478954\/corteconstitucionalcronologico202454587\/t-1035-00\/\" class=\"_self pt-cv-readmore btn btn-success\" target=\"_self\">Ver Sentencia Completa...<\/a><\/div><\/div><\/div><\/div>\n<div class=\"col-md-12 col-sm-12 col-xs-12 pt-cv-content-item pt-cv-1-col\" ><div class='pt-cv-ifield'><a href=\"https:\/\/www.dmsjuridica.com\/buscador_20179478954\/corteconstitucionalcronologico202454587\/t-1034-00\/\" class=\"_self pt-cv-href-thumbnail pt-cv-thumb-default\" target=\"_self\" ><\/a>\n<div class=\"pt-cv-taxoterm above_title\"><a href='https:\/\/www.dmsjuridica.com\/buscador_20179478954\/corteconstitucionalcronologico202454587\/category\/buscar-en-toda-la-corte\/2000\/tutelas-2000\/' title='Tutelas 2000' class='pt-cv-tax-tutelas-2000'>Tutelas 2000<\/a><\/div>\n<h4 class=\"pt-cv-title\"><a href=\"https:\/\/www.dmsjuridica.com\/buscador_20179478954\/corteconstitucionalcronologico202454587\/t-1034-00\/\" class=\"_self\" target=\"_self\" >T-1034-00<\/a><\/h4>\n<div class=\"pt-cv-content\">ACCION DE TUTELA-Improcedencia general pago de acreencias laborales \u00a0 EMPLEADOR-Consencuencias por no pago de aportes en salud \u00a0 ACCION DE TUTELA-Procedencia excepcional pago y transferencia de cotizaciones al sistema de seguridad social \u00a0 SUBSIDIO FAMILIAR-Naturaleza \u00a0 DERECHO AL SUBSIDIO FAMILIAR-En principio no es fundamental \u00a0 SUBSIDIO FAMILIAR-Improcedencia de reclamaci\u00f3n por tutela \u00a0 Referencia: expediente T-310.147 \u00a0 Acci\u00f3n de tutela instaurada por Carmen Roxina Ort\u00edz L\u00f3pez y otros contra el Hotel Palace. \u00a0 Magistrado Ponente:\u00a0 \u00a0 Dr. ALEJANDRO MART\u00cdNEZ CABALLERO \u00a0 Santa Fe de Bogot\u00e1, nueve (9) de agosto de dos mil (2000) \u00a0 La Sala Sexta de Revisi\u00f3n de la ...<br \/><div class=\"pt-cv-rmwrap\"><a href=\"https:\/\/www.dmsjuridica.com\/buscador_20179478954\/corteconstitucionalcronologico202454587\/t-1034-00\/\" class=\"_self pt-cv-readmore btn btn-success\" target=\"_self\">Ver Sentencia Completa...<\/a><\/div><\/div><\/div><\/div>\n<div class=\"col-md-12 col-sm-12 col-xs-12 pt-cv-content-item pt-cv-1-col\" ><div class='pt-cv-ifield'><a href=\"https:\/\/www.dmsjuridica.com\/buscador_20179478954\/corteconstitucionalcronologico202454587\/t-1033-00\/\" class=\"_self pt-cv-href-thumbnail pt-cv-thumb-default\" target=\"_self\" ><\/a>\n<div class=\"pt-cv-taxoterm above_title\"><a href='https:\/\/www.dmsjuridica.com\/buscador_20179478954\/corteconstitucionalcronologico202454587\/category\/buscar-en-toda-la-corte\/2000\/tutelas-2000\/' title='Tutelas 2000' class='pt-cv-tax-tutelas-2000'>Tutelas 2000<\/a><\/div>\n<h4 class=\"pt-cv-title\"><a href=\"https:\/\/www.dmsjuridica.com\/buscador_20179478954\/corteconstitucionalcronologico202454587\/t-1033-00\/\" class=\"_self\" target=\"_self\" >T-1033-00<\/a><\/h4>\n<div class=\"pt-cv-content\">\u00a0 \u00a0 Sentencia T-1033\/00 \u00a0 ACCION DE TUTELA CONTRA PARTICULARES-Alcance \u00a0 Referencia: expedientes T-277.499, T-309.583, T-309.216, T-310.498, T-310.360 y T-310.923 (acumulados). \u00a0 Magistrado Ponente:\u00a0 \u00a0 Dr. ALEJANDRO MART\u00cdNEZ CABALLERO \u00a0 Santa Fe de Bogot\u00e1, nueve (9) de agosto de dos mil (2000) \u00a0 La Sala Sexta de Revisi\u00f3n de la Corte Constitucional, en ejercicio de sus competencias constitucionales y legales, ha proferido Sentencia en las acciones de tutela interpuestas, en forma independiente, por Yanira Rodr\u00edguez Cano contra Serviola S.A, Hilda Mar\u00eda Rodr\u00edguez Mej\u00eda contra el Hotel Casona el Salitre de Paipa, Aurora Cano Salazar contra Manofacturas Jacna, Mar\u00eda del Carmen ...<br \/><div class=\"pt-cv-rmwrap\"><a href=\"https:\/\/www.dmsjuridica.com\/buscador_20179478954\/corteconstitucionalcronologico202454587\/t-1033-00\/\" class=\"_self pt-cv-readmore btn btn-success\" target=\"_self\">Ver Sentencia Completa...<\/a><\/div><\/div><\/div><\/div>\n<div class=\"col-md-12 col-sm-12 col-xs-12 pt-cv-content-item pt-cv-1-col\" ><div class='pt-cv-ifield'><a href=\"https:\/\/www.dmsjuridica.com\/buscador_20179478954\/corteconstitucionalcronologico202454587\/t-1032-00\/\" class=\"_self pt-cv-href-thumbnail pt-cv-thumb-default\" target=\"_self\" ><\/a>\n<div class=\"pt-cv-taxoterm above_title\"><a href='https:\/\/www.dmsjuridica.com\/buscador_20179478954\/corteconstitucionalcronologico202454587\/category\/buscar-en-toda-la-corte\/2000\/tutelas-2000\/' title='Tutelas 2000' class='pt-cv-tax-tutelas-2000'>Tutelas 2000<\/a><\/div>\n<h4 class=\"pt-cv-title\"><a href=\"https:\/\/www.dmsjuridica.com\/buscador_20179478954\/corteconstitucionalcronologico202454587\/t-1032-00\/\" class=\"_self\" target=\"_self\" >T-1032-00<\/a><\/h4>\n<div class=\"pt-cv-content\">\u00a0 \u00a0 Sentencia T-1032\/00 \u00a0 DERECHO A LA EDUCACION-Obligaci\u00f3n del Estado \u00a0 LIBERTAD DE ENSE\u00d1ANZA-Alcance \u00a0 SERVICIO PUBLICO DE EDUCACION-Funci\u00f3n social \u00a0 DERECHOS DE LOS PADRES A ESCOGER LA EDUCACION DE SUS HIJOS-Alcance \u00a0 DERECHO DE PETICION-Alcance\/DERECHO DE PETICION-N\u00facleo esencial \u00a0 DEBIDO PROCESO-Imposici\u00f3n de sanciones en centros educativos \u00a0 Toda imposici\u00f3n de sanciones, inclusive en los centros docentes, debe estar precedida de la realizaci\u00f3n de un procedimiento donde se permita al implicado el ejercicio de los derechos de defensa y contradicci\u00f3n. Es un principio universalmente reconocido que la garant\u00eda del debido proceso ha sido establecida a favor de la persona, ...<br \/><div class=\"pt-cv-rmwrap\"><a href=\"https:\/\/www.dmsjuridica.com\/buscador_20179478954\/corteconstitucionalcronologico202454587\/t-1032-00\/\" class=\"_self pt-cv-readmore btn btn-success\" target=\"_self\">Ver Sentencia Completa...<\/a><\/div><\/div><\/div><\/div>\n<div class=\"col-md-12 col-sm-12 col-xs-12 pt-cv-content-item pt-cv-1-col\" ><div class='pt-cv-ifield'><a href=\"https:\/\/www.dmsjuridica.com\/buscador_20179478954\/corteconstitucionalcronologico202454587\/t-1031-00\/\" class=\"_self pt-cv-href-thumbnail pt-cv-thumb-default\" target=\"_self\" ><\/a>\n<div class=\"pt-cv-taxoterm above_title\"><a href='https:\/\/www.dmsjuridica.com\/buscador_20179478954\/corteconstitucionalcronologico202454587\/category\/buscar-en-toda-la-corte\/2000\/tutelas-2000\/' title='Tutelas 2000' class='pt-cv-tax-tutelas-2000'>Tutelas 2000<\/a><\/div>\n<h4 class=\"pt-cv-title\"><a href=\"https:\/\/www.dmsjuridica.com\/buscador_20179478954\/corteconstitucionalcronologico202454587\/t-1031-00\/\" class=\"_self\" target=\"_self\" >T-1031-00<\/a><\/h4>\n<div class=\"pt-cv-content\">\u00a0 \u00a0 Sentencia T-1031\/00 \u00a0 SALARIO-Protecci\u00f3n constitucional \u00a0 ACCION DE TUTELA-Procedencia excepcional pago de salarios por afectaci\u00f3n del m\u00ednimo vital \u00a0 JUICIO ORDINARIO LABORAL Y ACCION DE TUTELA-Procedencia de ejercicio conjunto \u00a0 Referencia: expedientes T- 309977 \u00a0 \u00a0 \u00a0 Acci\u00f3n de tutela instaurada por Ju\u00e1n Esteban Alvarez vs. Coditec. \u00a0 Procedencia: Sala Laboral del Tribunal Superior de Santaf\u00e9 de Bogot\u00e1 \u00a0 Magistrado Ponente: \u00a0 Dr. ALEJANDRO MARTINEZ CABALLERO \u00a0 Santa Fe de Bogot\u00e1, D.C., nueve (9) de agosto del dos mil (2000). \u00a0 La Sala Sexta de Revisi\u00f3n de la Corte Constitucional, integrada por los Magistrados doctores Alejandro Mart\u00ednez Caballero, ...<br \/><div class=\"pt-cv-rmwrap\"><a href=\"https:\/\/www.dmsjuridica.com\/buscador_20179478954\/corteconstitucionalcronologico202454587\/t-1031-00\/\" class=\"_self pt-cv-readmore btn btn-success\" target=\"_self\">Ver Sentencia Completa...<\/a><\/div><\/div><\/div><\/div>\n<div class=\"col-md-12 col-sm-12 col-xs-12 pt-cv-content-item pt-cv-1-col\" ><div class='pt-cv-ifield'><a href=\"https:\/\/www.dmsjuridica.com\/buscador_20179478954\/corteconstitucionalcronologico202454587\/t-1030-00\/\" class=\"_self pt-cv-href-thumbnail pt-cv-thumb-default\" target=\"_self\" ><\/a>\n<div class=\"pt-cv-taxoterm above_title\"><a href='https:\/\/www.dmsjuridica.com\/buscador_20179478954\/corteconstitucionalcronologico202454587\/category\/buscar-en-toda-la-corte\/2000\/tutelas-2000\/' title='Tutelas 2000' class='pt-cv-tax-tutelas-2000'>Tutelas 2000<\/a><\/div>\n<h4 class=\"pt-cv-title\"><a href=\"https:\/\/www.dmsjuridica.com\/buscador_20179478954\/corteconstitucionalcronologico202454587\/t-1030-00\/\" class=\"_self\" target=\"_self\" >T-1030-00<\/a><\/h4>\n<div class=\"pt-cv-content\">\u00a0 \u00a0 Sentencia T-1030\/00 \u00a0 LIBERTAD DE ASOCIACION NEGATIVA-Protecci\u00f3n por tutela\/COOPERATIVA-Retiro voluntario \u00a0 LIBERTAD DE ASOCIACION-Naturaleza \u00a0 COOPERATIVA-Libertad no es absoluta \u00a0 Referencia: expediente T- 310111 \u00a0 \u00a0 \u00a0 Acci\u00f3n de tutela instaurada por Fernando Ar\u00e9valo vs. Coopserv \u00a0 Procedencia: Juzgado 16 Penal Municipal de Cali \u00a0 Magistrado Ponente: \u00a0 Dr. ALEJANDRO MARTINEZ CABALLERO \u00a0 Santa fe de Bogot\u00e1, D.C., nueve (9) de agosto de dos mil (2.000). \u00a0 La Sala Sexta de Revisi\u00f3n de la Corte Constitucional, integrada por los Magistrados doctores Alejandro Mart\u00ednez Caballero, Fabio Mor\u00f3n D\u00edaz y Vladimiro Naranjo Mesa, en ejercicio de sus competencias constitucionales y ...<br \/><div class=\"pt-cv-rmwrap\"><a href=\"https:\/\/www.dmsjuridica.com\/buscador_20179478954\/corteconstitucionalcronologico202454587\/t-1030-00\/\" class=\"_self pt-cv-readmore btn btn-success\" target=\"_self\">Ver Sentencia Completa...<\/a><\/div><\/div><\/div><\/div>\n<div class=\"col-md-12 col-sm-12 col-xs-12 pt-cv-content-item pt-cv-1-col\" ><div class='pt-cv-ifield'><a href=\"https:\/\/www.dmsjuridica.com\/buscador_20179478954\/corteconstitucionalcronologico202454587\/t-103-00\/\" class=\"_self pt-cv-href-thumbnail pt-cv-thumb-default\" target=\"_self\" ><\/a>\n<div class=\"pt-cv-taxoterm above_title\"><a href='https:\/\/www.dmsjuridica.com\/buscador_20179478954\/corteconstitucionalcronologico202454587\/category\/buscar-en-toda-la-corte\/2000\/tutelas-2000\/' title='Tutelas 2000' class='pt-cv-tax-tutelas-2000'>Tutelas 2000<\/a><\/div>\n<h4 class=\"pt-cv-title\"><a href=\"https:\/\/www.dmsjuridica.com\/buscador_20179478954\/corteconstitucionalcronologico202454587\/t-103-00\/\" class=\"_self\" target=\"_self\" >T-103-00<\/a><\/h4>\n<div class=\"pt-cv-content\">\u00a0 \u00a0 Sentencia T-103\/00\u00a0 \u00a0 SISTEMA GENERAL DE SEGURIDAD SOCIAL-Omisi\u00f3n del empleador en trasladar aportes \u00a0 EMPLEADOR-Asunci\u00f3n de responsabilidad por mora en aportes a seguridad social \u00a0 ENTIDAD PROMOTORA DE SALUD-Responsabilidad subsidiaria por mora en aportes en seguridad social \u00a0 Referencia: expediente T-248721 \u00a0 Acci\u00f3n de tutela incoada por Nelson Mosquera Palacios contra Caja Nacional de Previsi\u00f3n Social E.P.S. -CAJANAL- Seccional Choc\u00f3 \u00a0 Magistrado Ponente: \u00a0 Santa Fe de Bogot\u00e1, D.C., primero (1) de febrero de dos mil (2000). \u00a0 La Sala Quinta de Revisi\u00f3n de la Corte Constitucional, en ejercicio de sus competencias constitucionales y legales, espec\u00edficamente las previstas ...<br \/><div class=\"pt-cv-rmwrap\"><a href=\"https:\/\/www.dmsjuridica.com\/buscador_20179478954\/corteconstitucionalcronologico202454587\/t-103-00\/\" class=\"_self pt-cv-readmore btn btn-success\" target=\"_self\">Ver Sentencia Completa...<\/a><\/div><\/div><\/div><\/div>\n<div class=\"col-md-12 col-sm-12 col-xs-12 pt-cv-content-item pt-cv-1-col\" ><div class='pt-cv-ifield'><a href=\"https:\/\/www.dmsjuridica.com\/buscador_20179478954\/corteconstitucionalcronologico202454587\/t-1029-00\/\" class=\"_self pt-cv-href-thumbnail pt-cv-thumb-default\" target=\"_self\" ><\/a>\n<div class=\"pt-cv-taxoterm above_title\"><a href='https:\/\/www.dmsjuridica.com\/buscador_20179478954\/corteconstitucionalcronologico202454587\/category\/buscar-en-toda-la-corte\/2000\/tutelas-2000\/' title='Tutelas 2000' class='pt-cv-tax-tutelas-2000'>Tutelas 2000<\/a><\/div>\n<h4 class=\"pt-cv-title\"><a href=\"https:\/\/www.dmsjuridica.com\/buscador_20179478954\/corteconstitucionalcronologico202454587\/t-1029-00\/\" class=\"_self\" target=\"_self\" >T-1029-00<\/a><\/h4>\n<div class=\"pt-cv-content\">\u00a0 \u00a0 Sentencia T-1029\/00 \u00a0 Es necesario tener en cuenta que el traslado de una EPS siempre debe asegurar la continuidad en la prestaci\u00f3n de los servicios m\u00e9dicos, puesto que resulta un lugar com\u00fan se\u00f1alar que la atenci\u00f3n en salud es un servicio p\u00fablico que se rige por los principios de eficiencia, universalidad y solidaridad. Por consiguiente, como cualquier servicio p\u00fablico, la atenci\u00f3n en salud debe cumplir con una de sus principales caracter\u00edsticas: la continuidad. En consecuencia, la decisi\u00f3n de cambio de Empresa Promotora de Salud no afecta la continuidad del servicio p\u00fablico de salud, como quiera que corresponde prestar ...<br \/><div class=\"pt-cv-rmwrap\"><a href=\"https:\/\/www.dmsjuridica.com\/buscador_20179478954\/corteconstitucionalcronologico202454587\/t-1029-00\/\" class=\"_self pt-cv-readmore btn btn-success\" target=\"_self\">Ver Sentencia Completa...<\/a><\/div><\/div><\/div><\/div>\n<div class=\"col-md-12 col-sm-12 col-xs-12 pt-cv-content-item pt-cv-1-col\" ><div class='pt-cv-ifield'><a href=\"https:\/\/www.dmsjuridica.com\/buscador_20179478954\/corteconstitucionalcronologico202454587\/t-1028-00\/\" class=\"_self pt-cv-href-thumbnail pt-cv-thumb-default\" target=\"_self\" ><\/a>\n<div class=\"pt-cv-taxoterm above_title\"><a href='https:\/\/www.dmsjuridica.com\/buscador_20179478954\/corteconstitucionalcronologico202454587\/category\/buscar-en-toda-la-corte\/2000\/tutelas-2000\/' title='Tutelas 2000' class='pt-cv-tax-tutelas-2000'>Tutelas 2000<\/a><\/div>\n<h4 class=\"pt-cv-title\"><a href=\"https:\/\/www.dmsjuridica.com\/buscador_20179478954\/corteconstitucionalcronologico202454587\/t-1028-00\/\" class=\"_self\" target=\"_self\" >T-1028-00<\/a><\/h4>\n<div class=\"pt-cv-content\">\u00a0 \u00a0 Sentencia T-1028\/00 \u00a0 INAPLICACION DE NORMAS-Condiciones para que proceda por no suministro de tratamientos y medicamentos de alto costo \u00a0 DERECHO A LA VIDA DIGNA-Suministro de medicamentos no contenidos en manual del POS \u00a0 Referencia: expediente T-310.167 \u00a0 Acci\u00f3n de tutela instaurada por Floralba Parrado de Leon contra la EPS \u201cUNIMEC\u201d \u00a0 Magistrado Ponente:\u00a0 \u00a0 Santa Fe de Bogot\u00e1, nueve (9) de agosto de dos mil (2000) \u00a0 La Sala Sexta de Revisi\u00f3n de la Corte Constitucional, en ejercicio de sus competencias constitucionales y legales, ha proferido Sentencia en la acci\u00f3n de tutela interpuesta por Floralba Parrado de ...<br \/><div class=\"pt-cv-rmwrap\"><a href=\"https:\/\/www.dmsjuridica.com\/buscador_20179478954\/corteconstitucionalcronologico202454587\/t-1028-00\/\" class=\"_self pt-cv-readmore btn btn-success\" target=\"_self\">Ver Sentencia Completa...<\/a><\/div><\/div><\/div><\/div>\n<div class=\"col-md-12 col-sm-12 col-xs-12 pt-cv-content-item pt-cv-1-col\" ><div class='pt-cv-ifield'><a href=\"https:\/\/www.dmsjuridica.com\/buscador_20179478954\/corteconstitucionalcronologico202454587\/t-1027-00\/\" class=\"_self pt-cv-href-thumbnail pt-cv-thumb-default\" target=\"_self\" ><\/a>\n<div class=\"pt-cv-taxoterm above_title\"><a href='https:\/\/www.dmsjuridica.com\/buscador_20179478954\/corteconstitucionalcronologico202454587\/category\/buscar-en-toda-la-corte\/2000\/tutelas-2000\/' title='Tutelas 2000' class='pt-cv-tax-tutelas-2000'>Tutelas 2000<\/a><\/div>\n<h4 class=\"pt-cv-title\"><a href=\"https:\/\/www.dmsjuridica.com\/buscador_20179478954\/corteconstitucionalcronologico202454587\/t-1027-00\/\" class=\"_self\" target=\"_self\" >T-1027-00<\/a><\/h4>\n<div class=\"pt-cv-content\">\u00a0 \u00a0 Sentencia T-1027\/00 \u00a0 INAPLICACION DE NORMAS-Condiciones para que proceda por no suministro de tratamientos y medicamentos de alto costo \u00a0 DERECHO A LA VIDA DIGNA-Suministro de medicamentos no contenidos en manual del POS \u00a0 Referencia: expediente T-309933 \u00a0 \u00a0 \u00a0 Acci\u00f3n de tutela instaurada por Rosa Vega vs. ISS \u00a0 Procedencia: Tribunal Superior de Riohacha \u00a0 Magistrado Ponente: \u00a0 Dr. ALEJANDRO MARTINEZ CABALLERO \u00a0 Santa Fe de Bogot\u00e1, D.C., nueve (9) de agosto del dos mil (2.000). \u00a0 La Sala Sexta de Revisi\u00f3n de la Corte Constitucional, integrada por los Magistrados doctores Alejandro Mart\u00ednez Caballero, Fabio Mor\u00f3n D\u00edaz ...<br \/><div class=\"pt-cv-rmwrap\"><a href=\"https:\/\/www.dmsjuridica.com\/buscador_20179478954\/corteconstitucionalcronologico202454587\/t-1027-00\/\" class=\"_self pt-cv-readmore btn btn-success\" target=\"_self\">Ver Sentencia Completa...<\/a><\/div><\/div><\/div><\/div>\n<div class=\"col-md-12 col-sm-12 col-xs-12 pt-cv-content-item pt-cv-1-col\" ><div class='pt-cv-ifield'><a href=\"https:\/\/www.dmsjuridica.com\/buscador_20179478954\/corteconstitucionalcronologico202454587\/t-1026-00\/\" class=\"_self pt-cv-href-thumbnail pt-cv-thumb-default\" target=\"_self\" ><\/a>\n<div class=\"pt-cv-taxoterm above_title\"><a href='https:\/\/www.dmsjuridica.com\/buscador_20179478954\/corteconstitucionalcronologico202454587\/category\/buscar-en-toda-la-corte\/2000\/tutelas-2000\/' title='Tutelas 2000' class='pt-cv-tax-tutelas-2000'>Tutelas 2000<\/a><\/div>\n<h4 class=\"pt-cv-title\"><a href=\"https:\/\/www.dmsjuridica.com\/buscador_20179478954\/corteconstitucionalcronologico202454587\/t-1026-00\/\" class=\"_self\" target=\"_self\" >T-1026-00<\/a><\/h4>\n<div class=\"pt-cv-content\">\u00a0 \u00a0 Sentencia T-1026\/00 \u00a0 ACCION DE TUTELA-Procedencia excepcional pago de salarios \u00a0 DERECHO AL PAGO OPORTUNO DEL SALARIO-Fundamental \u00a0 DERECHO AL MINIMO VITAL DEL TRABAJADOR-Pago de salarios atrasados \u00a0 Referencia: expediente T-309.350 \u00a0 Magistrado Ponente:\u00a0 \u00a0 Dr. ALEJANDRO MART\u00cdNEZ CABALLERO \u00a0 Santa Fe de Bogot\u00e1, nueve (9) de agosto de dos mil (2000) \u00a0 La Sala Sexta de Revisi\u00f3n de la Corte Constitucional, en ejercicio de sus competencias constitucionales y legales, ha proferido Sentencia en la acci\u00f3n de tutela interpuesta, a trav\u00e9s de apoderado, por Victor Manuel Hostia Mej\u00eda contra el Departamento de Bol\u00edvar. \u00a0 I. ANTECEDENTES \u00a0 1 ...<br \/><div class=\"pt-cv-rmwrap\"><a href=\"https:\/\/www.dmsjuridica.com\/buscador_20179478954\/corteconstitucionalcronologico202454587\/t-1026-00\/\" class=\"_self pt-cv-readmore btn btn-success\" target=\"_self\">Ver Sentencia Completa...<\/a><\/div><\/div><\/div><\/div>\n<div class=\"col-md-12 col-sm-12 col-xs-12 pt-cv-content-item pt-cv-1-col\" ><div class='pt-cv-ifield'><a href=\"https:\/\/www.dmsjuridica.com\/buscador_20179478954\/corteconstitucionalcronologico202454587\/t-1025-00\/\" class=\"_self pt-cv-href-thumbnail pt-cv-thumb-default\" target=\"_self\" ><\/a>\n<div class=\"pt-cv-taxoterm above_title\"><a href='https:\/\/www.dmsjuridica.com\/buscador_20179478954\/corteconstitucionalcronologico202454587\/category\/buscar-en-toda-la-corte\/2000\/tutelas-2000\/' title='Tutelas 2000' class='pt-cv-tax-tutelas-2000'>Tutelas 2000<\/a><\/div>\n<h4 class=\"pt-cv-title\"><a href=\"https:\/\/www.dmsjuridica.com\/buscador_20179478954\/corteconstitucionalcronologico202454587\/t-1025-00\/\" class=\"_self\" target=\"_self\" >T-1025-00<\/a><\/h4>\n<div class=\"pt-cv-content\">\u00a0 \u00a0 Sentencia T-1025\/00 \u00a0 MEDIO DE DEFENSA JUDICIAL-Manejo de cargos p\u00fablicos por compromisos pol\u00edticos \u00a0 ACCION DE TUTELA TRANSITORIA DEL DERECHO A LA ESTABILIDAD LABORAL REFORZADA DE MUJER EMBARAZADA-Elementos f\u00e1cticos que deben demostrarse \u00a0 Referencia: expediente T-309908 \u00a0 \u00a0 \u00a0 Acci\u00f3n de tutela instaurada por Gloria Esperanza Silva D\u00edaz contra el Personero Municipal de Sardinata. \u00a0 Procedencia: Juzgado 1\u00ba de Familia de C\u00facuta \u00a0 Magistrado Ponente: \u00a0 Dr. ALEJANDRO MARTINEZ CABALLERO \u00a0 Santa Fe de Bogot\u00e1, D.C., nueve (9) de agosto del dos mil (2.000). \u00a0 La Sala Sexta de Revisi\u00f3n de la Corte Constitucional, integrada por los Magistrados ...<br \/><div class=\"pt-cv-rmwrap\"><a href=\"https:\/\/www.dmsjuridica.com\/buscador_20179478954\/corteconstitucionalcronologico202454587\/t-1025-00\/\" class=\"_self pt-cv-readmore btn btn-success\" target=\"_self\">Ver Sentencia Completa...<\/a><\/div><\/div><\/div><\/div>\n<div class=\"col-md-12 col-sm-12 col-xs-12 pt-cv-content-item pt-cv-1-col\" ><div class='pt-cv-ifield'><a href=\"https:\/\/www.dmsjuridica.com\/buscador_20179478954\/corteconstitucionalcronologico202454587\/t-1024-00\/\" class=\"_self pt-cv-href-thumbnail pt-cv-thumb-default\" target=\"_self\" ><\/a>\n<div class=\"pt-cv-taxoterm above_title\"><a href='https:\/\/www.dmsjuridica.com\/buscador_20179478954\/corteconstitucionalcronologico202454587\/category\/buscar-en-toda-la-corte\/2000\/tutelas-2000\/' title='Tutelas 2000' class='pt-cv-tax-tutelas-2000'>Tutelas 2000<\/a><\/div>\n<h4 class=\"pt-cv-title\"><a href=\"https:\/\/www.dmsjuridica.com\/buscador_20179478954\/corteconstitucionalcronologico202454587\/t-1024-00\/\" class=\"_self\" target=\"_self\" >T-1024-00<\/a><\/h4>\n<div class=\"pt-cv-content\">\u00a0 \u00a0 Sentencia T-1024\/00 \u00a0 DERECHO DE PETICION-Alcance\/DERECHO DE PETICION-N\u00facleo esencial \u00a0 ACCION DE TUTELA-Procedencia excepcional pago de acreencias laborales \u00a0 MEDIO DE DEFENSA JUDICIAL-Pago de acreencias laborales \u00a0 Referencia: expediente T-309289 \u00a0 Accionante: Helmo Medina Ordo\u00f1ez. \u00a0 Magistrado Ponente: \u00a0 Dr. ALEJANDRO MARTINEZ CABALLERO \u00a0 Santa Fe de Bogot\u00e1, D.C., nueve \u00a0(9) de agosto de dos mil (2000).\u00a0 \u00a0 La Sala Sexta de Revisi\u00f3n de la Corte Constitucional, integrada por los Magistrados doctores Fabio Mor\u00f3n D\u00edaz, Vladimiro Naranjo Mesa y Alejandro Mart\u00ednez Caballero, quien la preside, en ejercicio de sus competencias constitucionales y legales, ha proferido la siguiente \u00a0 ...<br \/><div class=\"pt-cv-rmwrap\"><a href=\"https:\/\/www.dmsjuridica.com\/buscador_20179478954\/corteconstitucionalcronologico202454587\/t-1024-00\/\" class=\"_self pt-cv-readmore btn btn-success\" target=\"_self\">Ver Sentencia Completa...<\/a><\/div><\/div><\/div><\/div>\n<div class=\"col-md-12 col-sm-12 col-xs-12 pt-cv-content-item pt-cv-1-col\" ><div class='pt-cv-ifield'><a href=\"https:\/\/www.dmsjuridica.com\/buscador_20179478954\/corteconstitucionalcronologico202454587\/t-1023-00\/\" class=\"_self pt-cv-href-thumbnail pt-cv-thumb-default\" target=\"_self\" ><\/a>\n<div class=\"pt-cv-taxoterm above_title\"><a href='https:\/\/www.dmsjuridica.com\/buscador_20179478954\/corteconstitucionalcronologico202454587\/category\/buscar-en-toda-la-corte\/2000\/tutelas-2000\/' title='Tutelas 2000' class='pt-cv-tax-tutelas-2000'>Tutelas 2000<\/a><\/div>\n<h4 class=\"pt-cv-title\"><a href=\"https:\/\/www.dmsjuridica.com\/buscador_20179478954\/corteconstitucionalcronologico202454587\/t-1023-00\/\" class=\"_self\" target=\"_self\" >T-1023-00<\/a><\/h4>\n<div class=\"pt-cv-content\">\u00a0 \u00a0 Sentencia T-1023\/00 \u00a0 DERECHO DE PERMANENCIA EN UN CARGO-No es derecho fundamental \u00a0 CARGO DE CARRERA ADMINISTRATIVA DESEMPE\u00d1ADO POR EMPLEADA EMBARAZADA-Protecci\u00f3n \u00a0 DERECHO A LA ESTABILIDAD LABORAL REFORZADA DE MUJER EMBARAZADA-Protecci\u00f3n \u00a0 DERECHO A LA ESTABILIDAD LABORAL REFORZADA DE MUJER EMBARAZADA-Casos excepcionales de procedencia para reintegro \u00a0 DERECHO A LA ESTABILIDAD LABORAL REFORZADA DE MUJER EMBARAZADA-Cargos de carrera administrativa \u00a0 Referencia: expediente T-309343 \u00a0 Acci\u00f3n de tutela instaurada por Carmen Cecilia Cadena \u00a0 Procedencia: Juzgado 4\u00b0 Laboral del Circuito de Bucaramanga \u00a0 Magistrado Ponente: \u00a0 Dr. ALEJANDRO MARTINEZ CABALLERO \u00a0 Santa Fe de Bogot\u00e1, D.C., nueve (9) de ...<br \/><div class=\"pt-cv-rmwrap\"><a href=\"https:\/\/www.dmsjuridica.com\/buscador_20179478954\/corteconstitucionalcronologico202454587\/t-1023-00\/\" class=\"_self pt-cv-readmore btn btn-success\" target=\"_self\">Ver Sentencia Completa...<\/a><\/div><\/div><\/div><\/div>\n<div class=\"col-md-12 col-sm-12 col-xs-12 pt-cv-content-item pt-cv-1-col\" ><div class='pt-cv-ifield'><a href=\"https:\/\/www.dmsjuridica.com\/buscador_20179478954\/corteconstitucionalcronologico202454587\/t-1022-00\/\" class=\"_self pt-cv-href-thumbnail pt-cv-thumb-default\" target=\"_self\" ><\/a>\n<div class=\"pt-cv-taxoterm above_title\"><a href='https:\/\/www.dmsjuridica.com\/buscador_20179478954\/corteconstitucionalcronologico202454587\/category\/buscar-en-toda-la-corte\/2000\/tutelas-2000\/' title='Tutelas 2000' class='pt-cv-tax-tutelas-2000'>Tutelas 2000<\/a><\/div>\n<h4 class=\"pt-cv-title\"><a href=\"https:\/\/www.dmsjuridica.com\/buscador_20179478954\/corteconstitucionalcronologico202454587\/t-1022-00\/\" class=\"_self\" target=\"_self\" >T-1022-00<\/a><\/h4>\n<div class=\"pt-cv-content\">\u00a0 \u00a0 Sentencia T-1022\/00 \u00a0 DERECHO A LA SALUD-Conexidad con la vida \u00a0 ACCION DE TUTELA-Protecci\u00f3n preventiva y no solo en casos de gravedad \u00a0 Referencia: expedientes T-310909 \u00a0 Procedencia: Juzgado 15 Penal del Circuito de Medell\u00edn, Antioqu\u00eda.\u00a0 \u00a0 \u00a0 \u00a0 Actor: Jackeline Mercedes Florez \u00a0 Magistrado Ponente: \u00a0 Dr. ALEJANDRO MARTINEZ CABALLERO \u00a0 Santa Fe de Bogot\u00e1, D.C., nueve (9) de agosto de dos mil (2.000). \u00a0 SENTENCIA \u00a0 Dentro de la acci\u00f3n de tutela N\u00ba T-310909 promovida por Jackeline Mercedes Florez contra el Instituto del Seguro Social de Barranquilla, Atl\u00e1ntico.\u00a0 \u00a0 I- ANTECEDENTES. \u00a0 1- Jackeline Mercedes Florez ...<br \/><div class=\"pt-cv-rmwrap\"><a href=\"https:\/\/www.dmsjuridica.com\/buscador_20179478954\/corteconstitucionalcronologico202454587\/t-1022-00\/\" class=\"_self pt-cv-readmore btn btn-success\" target=\"_self\">Ver Sentencia Completa...<\/a><\/div><\/div><\/div><\/div>\n<div class=\"col-md-12 col-sm-12 col-xs-12 pt-cv-content-item pt-cv-1-col\" ><div class='pt-cv-ifield'><a href=\"https:\/\/www.dmsjuridica.com\/buscador_20179478954\/corteconstitucionalcronologico202454587\/t-1021-00\/\" class=\"_self pt-cv-href-thumbnail pt-cv-thumb-default\" target=\"_self\" ><\/a>\n<div class=\"pt-cv-taxoterm above_title\"><a href='https:\/\/www.dmsjuridica.com\/buscador_20179478954\/corteconstitucionalcronologico202454587\/category\/buscar-en-toda-la-corte\/2000\/tutelas-2000\/' title='Tutelas 2000' class='pt-cv-tax-tutelas-2000'>Tutelas 2000<\/a><\/div>\n<h4 class=\"pt-cv-title\"><a href=\"https:\/\/www.dmsjuridica.com\/buscador_20179478954\/corteconstitucionalcronologico202454587\/t-1021-00\/\" class=\"_self\" target=\"_self\" >T-1021-00<\/a><\/h4>\n<div class=\"pt-cv-content\">\u00a0 \u00a0 Sentencia T-1021\/00 \u00a0 ACCION DE TUTELA COMO MECANISMO TRANSITORIO-Improcedencia por no demostrarse perjuicio irremediable \u00a0 Referencia: expediente T- 310908 \u00a0 Acci\u00f3n de tutela instaurada por Angela Maria Mu\u00f1oz \u00a0 Procedencia: Juzgado 5\u00b0 Penal Municipal de Medell\u00edn \u00a0 Magistrado Ponente: \u00a0 Dr. ALEJANDRO MARTINEZ CABALLERO \u00a0 Santa Fe de Bogot\u00e1, D.C., nueve (9) de agosto del dos mil (2.000). \u00a0 La Sala Sexta de Revisi\u00f3n de la Corte Constitucional, integrada por los Magistrados doctores Alejandro Mart\u00ednez Caballero, Fabio Mor\u00f3n D\u00edaz y Vladimiro Naranjo Mesa, en ejercicio de sus competencias constitucionales y legales, ha proferido la siguiente\u00a0 \u00a0 SENTENCIA \u00a0 ...<br \/><div class=\"pt-cv-rmwrap\"><a href=\"https:\/\/www.dmsjuridica.com\/buscador_20179478954\/corteconstitucionalcronologico202454587\/t-1021-00\/\" class=\"_self pt-cv-readmore btn btn-success\" target=\"_self\">Ver Sentencia Completa...<\/a><\/div><\/div><\/div><\/div>\n<div class=\"col-md-12 col-sm-12 col-xs-12 pt-cv-content-item pt-cv-1-col\" ><div class='pt-cv-ifield'><a href=\"https:\/\/www.dmsjuridica.com\/buscador_20179478954\/corteconstitucionalcronologico202454587\/t-1020-00\/\" class=\"_self pt-cv-href-thumbnail pt-cv-thumb-default\" target=\"_self\" ><\/a>\n<div class=\"pt-cv-taxoterm above_title\"><a href='https:\/\/www.dmsjuridica.com\/buscador_20179478954\/corteconstitucionalcronologico202454587\/category\/buscar-en-toda-la-corte\/2000\/tutelas-2000\/' title='Tutelas 2000' class='pt-cv-tax-tutelas-2000'>Tutelas 2000<\/a><\/div>\n<h4 class=\"pt-cv-title\"><a href=\"https:\/\/www.dmsjuridica.com\/buscador_20179478954\/corteconstitucionalcronologico202454587\/t-1020-00\/\" class=\"_self\" target=\"_self\" >T-1020-00<\/a><\/h4>\n<div class=\"pt-cv-content\">\u00a0 \u00a0 Sentencia T-1020\/00 \u00a0 DERECHO A LA SALUD-Conexidad con la vida \u00a0 ACCION DE TUTELA-Protecci\u00f3n preventiva y no solo en casos de gravedad \u00a0 ACCION DE TUTELA TEMERARIA-Inexistencia \u00a0 DERECHO A LA SALUD-Tratamiento m\u00e9dico por EPS \u00a0 Referencia: expediente T-310851 \u00a0 Accionante: Julio Cesar Tafur Pi\u00f1eres. \u00a0 \u00a0 Accionado: Cafesalud E.P.S. \u00a0 Magistrado Ponente: \u00a0 Dr. ALEJANDRO MARTINEZ CABALLERO \u00a0 Santa Fe de Bogot\u00e1, D.C., \u00a0nueve (9) de agosto de dos mil (2000).\u00a0 \u00a0 La Sala Sexta de Revisi\u00f3n de la Corte Constitucional, integrada por los Magistrados doctores Fabio Mor\u00f3n D\u00edaz, Vladimiro Naranjo Mesa y Alejandro Mart\u00ednez Caballero, quien ...<br \/><div class=\"pt-cv-rmwrap\"><a href=\"https:\/\/www.dmsjuridica.com\/buscador_20179478954\/corteconstitucionalcronologico202454587\/t-1020-00\/\" class=\"_self pt-cv-readmore btn btn-success\" target=\"_self\">Ver Sentencia Completa...<\/a><\/div><\/div><\/div><\/div>\n<div class=\"col-md-12 col-sm-12 col-xs-12 pt-cv-content-item pt-cv-1-col\" ><div class='pt-cv-ifield'><a href=\"https:\/\/www.dmsjuridica.com\/buscador_20179478954\/corteconstitucionalcronologico202454587\/t-102-00\/\" class=\"_self pt-cv-href-thumbnail pt-cv-thumb-default\" target=\"_self\" ><\/a>\n<div class=\"pt-cv-taxoterm above_title\"><a href='https:\/\/www.dmsjuridica.com\/buscador_20179478954\/corteconstitucionalcronologico202454587\/category\/buscar-en-toda-la-corte\/2000\/tutelas-2000\/' title='Tutelas 2000' class='pt-cv-tax-tutelas-2000'>Tutelas 2000<\/a><\/div>\n<h4 class=\"pt-cv-title\"><a href=\"https:\/\/www.dmsjuridica.com\/buscador_20179478954\/corteconstitucionalcronologico202454587\/t-102-00\/\" class=\"_self\" target=\"_self\" >T-102-00<\/a><\/h4>\n<div class=\"pt-cv-content\">\u00a0 \u00a0 Sentencia T-102\/00 \u00a0 ENFERMEDADES CATASTROFICAS O RUINOSAS-Tratamiento de persona de escasos recursos sin cumplir periodo m\u00ednimo de cotizaci\u00f3n\/EMPRESA PROMOTORA DE SALUD-Tratamiento de persona de escasos recursos sin cumplir periodo m\u00ednimo de cotizaci\u00f3n \u00a0 DERECHO A LA SALUD-No se pueden oponer periodos m\u00ednimos de cotizaci\u00f3n ante situaciones de urgencia \u00a0 DERECHO A LA SALUD-Falta de recursos presupuestales no exime a EPS de cumplimiento de obligaciones \u00a0 INSTITUTO DE SEGUROS SOCIALES-Responsabilidad en servicio por falta de pago a instituciones que le colaboran \u00a0 DERECHO A LA SALUD-Tratamiento de quimioterapia \u00a0 Referencia: expediente T-248330 \u00a0 Acci\u00f3n de tutela incoada por Arinson ...<br \/><div class=\"pt-cv-rmwrap\"><a href=\"https:\/\/www.dmsjuridica.com\/buscador_20179478954\/corteconstitucionalcronologico202454587\/t-102-00\/\" class=\"_self pt-cv-readmore btn btn-success\" target=\"_self\">Ver Sentencia Completa...<\/a><\/div><\/div><\/div><\/div>\n<div class=\"col-md-12 col-sm-12 col-xs-12 pt-cv-content-item pt-cv-1-col\" ><div class='pt-cv-ifield'><a href=\"https:\/\/www.dmsjuridica.com\/buscador_20179478954\/corteconstitucionalcronologico202454587\/t-1018-00\/\" class=\"_self pt-cv-href-thumbnail pt-cv-thumb-default\" target=\"_self\" ><\/a>\n<div class=\"pt-cv-taxoterm above_title\"><a href='https:\/\/www.dmsjuridica.com\/buscador_20179478954\/corteconstitucionalcronologico202454587\/category\/buscar-en-toda-la-corte\/2000\/tutelas-2000\/' title='Tutelas 2000' class='pt-cv-tax-tutelas-2000'>Tutelas 2000<\/a><\/div>\n<h4 class=\"pt-cv-title\"><a href=\"https:\/\/www.dmsjuridica.com\/buscador_20179478954\/corteconstitucionalcronologico202454587\/t-1018-00\/\" class=\"_self\" target=\"_self\" >T-1018-00<\/a><\/h4>\n<div class=\"pt-cv-content\">\u00a0 \u00a0 Sentencia T-1018\/00 \u00a0 DERECHO A LA SALUD-Conexidad con la vida \u00a0 ACCION DE TUTELA-Protecci\u00f3n preventiva y no solo en casos de gravedad \u00a0 Referencia: expediente T-310399 \u00a0 Accionante: Gloria Marlen Torres Rojas. \u00a0 Accionado: Cafesalud E.P.S. \u00a0 Magistrado Ponente: \u00a0 Dr. ALEJANDRO MARTINEZ CABALLERO \u00a0 Santa Fe de Bogot\u00e1, D.C., nueve \u00a0(9) de agosto de dos mil (2000).\u00a0 \u00a0 La Sala Sexta de Revisi\u00f3n de la Corte Constitucional, integrada por los Magistrados doctores Fabio Mor\u00f3n D\u00edaz, Vladimiro Naranjo Mesa y Alejandro Mart\u00ednez Caballero, quien la preside, en ejercicio de sus competencias constitucionales y legales, ha proferido la siguiente ...<br \/><div class=\"pt-cv-rmwrap\"><a href=\"https:\/\/www.dmsjuridica.com\/buscador_20179478954\/corteconstitucionalcronologico202454587\/t-1018-00\/\" class=\"_self pt-cv-readmore btn btn-success\" target=\"_self\">Ver Sentencia Completa...<\/a><\/div><\/div><\/div><\/div>\n<div class=\"col-md-12 col-sm-12 col-xs-12 pt-cv-content-item pt-cv-1-col\" ><div class='pt-cv-ifield'><a href=\"https:\/\/www.dmsjuridica.com\/buscador_20179478954\/corteconstitucionalcronologico202454587\/t-1017-00\/\" class=\"_self pt-cv-href-thumbnail pt-cv-thumb-default\" target=\"_self\" ><\/a>\n<div class=\"pt-cv-taxoterm above_title\"><a href='https:\/\/www.dmsjuridica.com\/buscador_20179478954\/corteconstitucionalcronologico202454587\/category\/buscar-en-toda-la-corte\/2000\/tutelas-2000\/' title='Tutelas 2000' class='pt-cv-tax-tutelas-2000'>Tutelas 2000<\/a><\/div>\n<h4 class=\"pt-cv-title\"><a href=\"https:\/\/www.dmsjuridica.com\/buscador_20179478954\/corteconstitucionalcronologico202454587\/t-1017-00\/\" class=\"_self\" target=\"_self\" >T-1017-00<\/a><\/h4>\n<div class=\"pt-cv-content\">\u00a0 \u00a0 Sentencia T-1017\/00 \u00a0 DERECHO A LA EDUCACION-Obligatoriedad \u00a0 DERECHO A LA EDUCACION-N\u00facleo esencial \u00a0 SERVICIO PUBLICO DE EDUCACION-Funci\u00f3n social \u00a0 DERECHOS DE LOS PADRES A ESCOGER LA EDUCACION DE SUS HIJOS-Alcance \u00a0 MANUAL DE CONVIVENCIA-L\u00edmites \u00a0 DERECHO A LA EDUCACION-Negaci\u00f3n de cupo a menores en jornada nocturna\/DERECHO A LA EDUCACION-Vulneraci\u00f3n por negaci\u00f3n de cupos a menores en jornada nocturna \u00a0 En el caso concreto, es claro \u00a0que la jornada nocturna, \u00a0- por su propia naturaleza -, est\u00e1 dise\u00f1ada para personas que presentan en sus roles de vida unos compromisos muy diversos a los que en el momento tienen ...<br \/><div class=\"pt-cv-rmwrap\"><a href=\"https:\/\/www.dmsjuridica.com\/buscador_20179478954\/corteconstitucionalcronologico202454587\/t-1017-00\/\" class=\"_self pt-cv-readmore btn btn-success\" target=\"_self\">Ver Sentencia Completa...<\/a><\/div><\/div><\/div><\/div>\n<div class=\"col-md-12 col-sm-12 col-xs-12 pt-cv-content-item pt-cv-1-col\" ><div class='pt-cv-ifield'><a href=\"https:\/\/www.dmsjuridica.com\/buscador_20179478954\/corteconstitucionalcronologico202454587\/t-1016-00\/\" class=\"_self pt-cv-href-thumbnail pt-cv-thumb-default\" target=\"_self\" ><\/a>\n<div class=\"pt-cv-taxoterm above_title\"><a href='https:\/\/www.dmsjuridica.com\/buscador_20179478954\/corteconstitucionalcronologico202454587\/category\/buscar-en-toda-la-corte\/2000\/tutelas-2000\/' title='Tutelas 2000' class='pt-cv-tax-tutelas-2000'>Tutelas 2000<\/a><\/div>\n<h4 class=\"pt-cv-title\"><a href=\"https:\/\/www.dmsjuridica.com\/buscador_20179478954\/corteconstitucionalcronologico202454587\/t-1016-00\/\" class=\"_self\" target=\"_self\" >T-1016-00<\/a><\/h4>\n<div class=\"pt-cv-content\">\u00a0 \u00a0 Sentencia T-1016\/00 \u00a0 DERECHO A LA SEGURIDAD SOCIAL-No discriminaci\u00f3n en pensiones \u00a0 Las normas anteriores a la ley 100, en lo referente a las pensiones, tuvieron en cuenta el salario o sueldo que devengaba el aspirante a jubilado y no el que devengara otra persona que ocupara cargo diferente. La ley 100 tambi\u00e9n tiene en cuenta el salario mensual del trabajador o extrabajador (art\u00edculo 18). El legislador pod\u00eda y puede se\u00f1alar el porcentaje sobre dicho salario o topes, pero nunca excluir el salario del trabajador como elemento calificador del monto pensional. Uno de los topes es el del ...<br \/><div class=\"pt-cv-rmwrap\"><a href=\"https:\/\/www.dmsjuridica.com\/buscador_20179478954\/corteconstitucionalcronologico202454587\/t-1016-00\/\" class=\"_self pt-cv-readmore btn btn-success\" target=\"_self\">Ver Sentencia Completa...<\/a><\/div><\/div><\/div><\/div>\n<div class=\"col-md-12 col-sm-12 col-xs-12 pt-cv-content-item pt-cv-1-col\" ><div class='pt-cv-ifield'><a href=\"https:\/\/www.dmsjuridica.com\/buscador_20179478954\/corteconstitucionalcronologico202454587\/t-1015-00\/\" class=\"_self pt-cv-href-thumbnail pt-cv-thumb-default\" target=\"_self\" ><\/a>\n<div class=\"pt-cv-taxoterm above_title\"><a href='https:\/\/www.dmsjuridica.com\/buscador_20179478954\/corteconstitucionalcronologico202454587\/category\/buscar-en-toda-la-corte\/2000\/tutelas-2000\/' title='Tutelas 2000' class='pt-cv-tax-tutelas-2000'>Tutelas 2000<\/a><\/div>\n<h4 class=\"pt-cv-title\"><a href=\"https:\/\/www.dmsjuridica.com\/buscador_20179478954\/corteconstitucionalcronologico202454587\/t-1015-00\/\" class=\"_self\" target=\"_self\" >T-1015-00<\/a><\/h4>\n<div class=\"pt-cv-content\">\u00a0 \u00a0 Sentencia T-1015\/00 \u00a0 ACCION DE TUTELA CONTRA PARTICULARES-Subordinaci\u00f3n \u00a0 DERECHO AL MINIMO VITAL DEL PENSIONADO-Pago oportuno de mesadas \u00a0 EMPLEADOR-Asunci\u00f3n de responsabilidad por no pago de aportes en salud \u00a0 Reiteraci\u00f3n de Jurisprudencia \u00a0 Referencia: expediente T-310813 \u00a0 Magistrado ponente: \u00a0 Dr. ALEJANDRO MART\u00cdNEZ CABALLERO \u00a0 Santa Fe de Bogot\u00e1 D.C., a los nueve (9) d\u00edas del mes de agosto de dos mil (2000). \u00a0 La Sala Sexta de Revisi\u00f3n de la Corte Constitucional, integrada por los Magistrados doctores Alejandro Mart\u00ednez Caballero, Fabio Mor\u00f3n D\u00edaz y Vladimiro Naranjo Mesa, en ejercicio de sus competencias constitucionales y legales, ha ...<br \/><div class=\"pt-cv-rmwrap\"><a href=\"https:\/\/www.dmsjuridica.com\/buscador_20179478954\/corteconstitucionalcronologico202454587\/t-1015-00\/\" class=\"_self pt-cv-readmore btn btn-success\" target=\"_self\">Ver Sentencia Completa...<\/a><\/div><\/div><\/div><\/div>\n<div class=\"col-md-12 col-sm-12 col-xs-12 pt-cv-content-item pt-cv-1-col\" ><div class='pt-cv-ifield'><a href=\"https:\/\/www.dmsjuridica.com\/buscador_20179478954\/corteconstitucionalcronologico202454587\/t-1014-00\/\" class=\"_self pt-cv-href-thumbnail pt-cv-thumb-default\" target=\"_self\" ><\/a>\n<div class=\"pt-cv-taxoterm above_title\"><a href='https:\/\/www.dmsjuridica.com\/buscador_20179478954\/corteconstitucionalcronologico202454587\/category\/buscar-en-toda-la-corte\/2000\/tutelas-2000\/' title='Tutelas 2000' class='pt-cv-tax-tutelas-2000'>Tutelas 2000<\/a><\/div>\n<h4 class=\"pt-cv-title\"><a href=\"https:\/\/www.dmsjuridica.com\/buscador_20179478954\/corteconstitucionalcronologico202454587\/t-1014-00\/\" class=\"_self\" target=\"_self\" >T-1014-00<\/a><\/h4>\n<div class=\"pt-cv-content\">\u00a0 \u00a0 Sentencia T-1014\/00 \u00a0 ACCION DE TUTELA-Procedencia excepcional pago de acreencias laborales\/DERECHO AL MINIMO VITAL DEL TRABAJADOR-Pago oportuno de salarios \u00a0 Reiteraci\u00f3n de Jurisprudencia \u00a0 Referencia: expedientes T-309414 y T-309415. \u00a0 Acciones de tutela instauradas por Giovani Fernando Pinilla Acero, Yolanda In\u00e9s Su\u00e1rez Su\u00e1rez, Cen\u00e9n Gonz\u00e1lez Gonz\u00e1lez, Jorge Enrique Palacios, Jorge Humberto Hern\u00e1ndez Cort\u00e9s, Luis Antonio Cruz y Olegario Walteros Corredor contra el Departamento de Boyac\u00e1 y la Secretar\u00eda de Hacienda del mismo Departamento. \u00a0 Magistrado Ponente: \u00a0 Dr. ALEJANDRO MART\u00cdNEZ CABALLERO \u00a0 Santa Fe de Bogot\u00e1 D.C., a los nueve \u00a0 \u00a0 \u00a0 \u00a0 (9) d\u00edas del mes ...<br \/><div class=\"pt-cv-rmwrap\"><a href=\"https:\/\/www.dmsjuridica.com\/buscador_20179478954\/corteconstitucionalcronologico202454587\/t-1014-00\/\" class=\"_self pt-cv-readmore btn btn-success\" target=\"_self\">Ver Sentencia Completa...<\/a><\/div><\/div><\/div><\/div>\n<div class=\"col-md-12 col-sm-12 col-xs-12 pt-cv-content-item pt-cv-1-col\" ><div class='pt-cv-ifield'><a href=\"https:\/\/www.dmsjuridica.com\/buscador_20179478954\/corteconstitucionalcronologico202454587\/t-1013-00\/\" class=\"_self pt-cv-href-thumbnail pt-cv-thumb-default\" target=\"_self\" ><\/a>\n<div class=\"pt-cv-taxoterm above_title\"><a href='https:\/\/www.dmsjuridica.com\/buscador_20179478954\/corteconstitucionalcronologico202454587\/category\/buscar-en-toda-la-corte\/2000\/tutelas-2000\/' title='Tutelas 2000' class='pt-cv-tax-tutelas-2000'>Tutelas 2000<\/a><\/div>\n<h4 class=\"pt-cv-title\"><a href=\"https:\/\/www.dmsjuridica.com\/buscador_20179478954\/corteconstitucionalcronologico202454587\/t-1013-00\/\" class=\"_self\" target=\"_self\" >T-1013-00<\/a><\/h4>\n<div class=\"pt-cv-content\">\u00a0 \u00a0 Sentencia T-1013\/00 \u00a0 DERECHO A LA IGUALDAD EN REGIMEN DE CESANTIAS PARCIALES-Cambio de legislaci\u00f3n \u00a0 REGIMEN DE CESANTIAS PARCIALES-Cambio de legislaci\u00f3n no justifica trato diferencial \u00a0 ACCION DE TUTELA-Procedencia excepcional pago de acreencias laborales \u00a0 DERECHO A LA IGUALDAD-Discriminaci\u00f3n por raz\u00f3n del r\u00e9gimen prestacional \u00a0 INDEXACION-Actualizaci\u00f3n monetaria que la administraci\u00f3n adeuda\/INDEXACION DE CESANTIAS PARCIALES-Trabajadores de la rama judicial \u00a0 Reiteraci\u00f3n de Jurisprudencia \u00a0 Referencia: expedientes T-309185 y T-310746. \u00a0 Acciones de tutela instauradas por Yolanda D\u00edaz Gonz\u00e1lez y Luis Reyes Yanken contra el Ministerio de Hacienda y Administraci\u00f3n Judicial. \u00a0 Magistrado Ponente: \u00a0 Dr. ALEJANDRO MART\u00cdNEZ CABALLERO \u00a0 ...<br \/><div class=\"pt-cv-rmwrap\"><a href=\"https:\/\/www.dmsjuridica.com\/buscador_20179478954\/corteconstitucionalcronologico202454587\/t-1013-00\/\" class=\"_self pt-cv-readmore btn btn-success\" target=\"_self\">Ver Sentencia Completa...<\/a><\/div><\/div><\/div><\/div>\n<div class=\"col-md-12 col-sm-12 col-xs-12 pt-cv-content-item pt-cv-1-col\" ><div class='pt-cv-ifield'><a href=\"https:\/\/www.dmsjuridica.com\/buscador_20179478954\/corteconstitucionalcronologico202454587\/t-1012-00\/\" class=\"_self pt-cv-href-thumbnail pt-cv-thumb-default\" target=\"_self\" ><\/a>\n<div class=\"pt-cv-taxoterm above_title\"><a href='https:\/\/www.dmsjuridica.com\/buscador_20179478954\/corteconstitucionalcronologico202454587\/category\/buscar-en-toda-la-corte\/2000\/tutelas-2000\/' title='Tutelas 2000' class='pt-cv-tax-tutelas-2000'>Tutelas 2000<\/a><\/div>\n<h4 class=\"pt-cv-title\"><a href=\"https:\/\/www.dmsjuridica.com\/buscador_20179478954\/corteconstitucionalcronologico202454587\/t-1012-00\/\" class=\"_self\" target=\"_self\" >T-1012-00<\/a><\/h4>\n<div class=\"pt-cv-content\">\u00a0 \u00a0 Sentencia T-1012\/00 \u00a0 ACCION DE TUTELA-Improcedencia general pago de acreencias laborales \u00a0 Referencia: expediente T- 310788 \u00a0 Acci\u00f3n de tutela incoada por Jos\u00e9 de la Cruz Montenegro Mozo contra la Secretar\u00eda de Educaci\u00f3n Distrital \u00a0 Magistrado Ponente: \u00a0 Dr. JOS\u00c9 GREGORIO HERN\u00c1NDEZ GALINDO \u00a0 Santa Fe de Bogot\u00e1, D.C., ocho (8) de agosto de dos mil (2000). \u00a0 La Sala Quinta de Revisi\u00f3n de la Corte Constitucional, en ejercicio de sus competencias constitucionales y legales, espec\u00edficamente las previstas en los art\u00edculos 86 y \u00a0241, numeral 9, de la Constituci\u00f3n Pol\u00edtica y en el Decreto 2591 de 1991, ha ...<br \/><div class=\"pt-cv-rmwrap\"><a href=\"https:\/\/www.dmsjuridica.com\/buscador_20179478954\/corteconstitucionalcronologico202454587\/t-1012-00\/\" class=\"_self pt-cv-readmore btn btn-success\" target=\"_self\">Ver Sentencia Completa...<\/a><\/div><\/div><\/div><\/div>\n<div class=\"col-md-12 col-sm-12 col-xs-12 pt-cv-content-item pt-cv-1-col\" ><div class='pt-cv-ifield'><a href=\"https:\/\/www.dmsjuridica.com\/buscador_20179478954\/corteconstitucionalcronologico202454587\/t-1011-00\/\" class=\"_self pt-cv-href-thumbnail pt-cv-thumb-default\" target=\"_self\" ><\/a>\n<div class=\"pt-cv-taxoterm above_title\"><a href='https:\/\/www.dmsjuridica.com\/buscador_20179478954\/corteconstitucionalcronologico202454587\/category\/buscar-en-toda-la-corte\/2000\/tutelas-2000\/' title='Tutelas 2000' class='pt-cv-tax-tutelas-2000'>Tutelas 2000<\/a><\/div>\n<h4 class=\"pt-cv-title\"><a href=\"https:\/\/www.dmsjuridica.com\/buscador_20179478954\/corteconstitucionalcronologico202454587\/t-1011-00\/\" class=\"_self\" target=\"_self\" >T-1011-00<\/a><\/h4>\n<div class=\"pt-cv-content\">\u00a0 \u00a0 Sentencia T-1011\/00 \u00a0 ABUSO DEL DERECHO-Irracional despliegue de actos procesales \u00a0 VIA DE HECHO-Inexistencia por no lesionar derechos fundamentales \u00a0 Analizado el material probatorio obrante en el expediente, estima esta Sala, que las m\u00faltiples decisiones judiciales adoptadas por los operadores jur\u00eddicos, tanto en las Sentencias de tutela como en las diligencias penales pertinentes no constituyen v\u00edas de hecho, es decir no son arbitrarias, caprichosas o irracionales, sino que obedecen a estrictas razones de orden t\u00e9cnico jur\u00eddico y de interpretaci\u00f3n de las normas penales, en la medida en que no lesionan los derechos fundamentales al debido proceso y a ...<br \/><div class=\"pt-cv-rmwrap\"><a href=\"https:\/\/www.dmsjuridica.com\/buscador_20179478954\/corteconstitucionalcronologico202454587\/t-1011-00\/\" class=\"_self pt-cv-readmore btn btn-success\" target=\"_self\">Ver Sentencia Completa...<\/a><\/div><\/div><\/div><\/div>\n<div class=\"col-md-12 col-sm-12 col-xs-12 pt-cv-content-item pt-cv-1-col\" ><div class='pt-cv-ifield'><a href=\"https:\/\/www.dmsjuridica.com\/buscador_20179478954\/corteconstitucionalcronologico202454587\/t-1010-00\/\" class=\"_self pt-cv-href-thumbnail pt-cv-thumb-default\" target=\"_self\" ><\/a>\n<div class=\"pt-cv-taxoterm above_title\"><a href='https:\/\/www.dmsjuridica.com\/buscador_20179478954\/corteconstitucionalcronologico202454587\/category\/buscar-en-toda-la-corte\/2000\/tutelas-2000\/' title='Tutelas 2000' class='pt-cv-tax-tutelas-2000'>Tutelas 2000<\/a><\/div>\n<h4 class=\"pt-cv-title\"><a href=\"https:\/\/www.dmsjuridica.com\/buscador_20179478954\/corteconstitucionalcronologico202454587\/t-1010-00\/\" class=\"_self\" target=\"_self\" >T-1010-00<\/a><\/h4>\n<div class=\"pt-cv-content\">\u00a0 \u00a0 Sentencia \u00a0T-1010\/00 \u00a0 RETIRO DEL SERVICIO DE LA POLICIA NACIONAL-Funciones del Comit\u00e9 de evaluaci\u00f3n\/REMOCION DE SUBOFICIALES DE LA POLICIA NACIONAL-Discrecionalidad \u00a0 REINTEGRO AL CARGO-Improcedencia general de tutela \u00a0 Referencia: expediente T-310644 \u00a0 Acci\u00f3n de Tutela instaurada por Jorge Enrique Gonz\u00e1lez Prieto contra la Polic\u00eda Nacional. \u00a0 Magistrado Ponente: \u00a0 Dr. FABIO MORON DIAZ\u00a0 \u00a0 Santaf\u00e9 de Bogot\u00e1, D.C., agosto ocho (8) del a\u00f1o dos mil (2000) \u00a0\u00a0 \u00a0 La Sala S\u00e9ptima de Revisi\u00f3n de Tutelas de la Corte Constitucional, integrada por los Magistrados Vladimiro Naranjo Mesa, Alvaro Tafur Galvis y Fabio Moron D\u00edaz, en ejercicio de sus competencias ...<br \/><div class=\"pt-cv-rmwrap\"><a href=\"https:\/\/www.dmsjuridica.com\/buscador_20179478954\/corteconstitucionalcronologico202454587\/t-1010-00\/\" class=\"_self pt-cv-readmore btn btn-success\" target=\"_self\">Ver Sentencia Completa...<\/a><\/div><\/div><\/div><\/div>\n<div class=\"col-md-12 col-sm-12 col-xs-12 pt-cv-content-item pt-cv-1-col\" ><div class='pt-cv-ifield'><a href=\"https:\/\/www.dmsjuridica.com\/buscador_20179478954\/corteconstitucionalcronologico202454587\/t-101-00\/\" class=\"_self pt-cv-href-thumbnail pt-cv-thumb-default\" target=\"_self\" ><\/a>\n<div class=\"pt-cv-taxoterm above_title\"><a href='https:\/\/www.dmsjuridica.com\/buscador_20179478954\/corteconstitucionalcronologico202454587\/category\/buscar-en-toda-la-corte\/2000\/tutelas-2000\/' title='Tutelas 2000' class='pt-cv-tax-tutelas-2000'>Tutelas 2000<\/a><\/div>\n<h4 class=\"pt-cv-title\"><a href=\"https:\/\/www.dmsjuridica.com\/buscador_20179478954\/corteconstitucionalcronologico202454587\/t-101-00\/\" class=\"_self\" target=\"_self\" >T-101-00<\/a><\/h4>\n<div class=\"pt-cv-content\">\u00a0 \u00a0 Sentencia T-101\/00 \u00a0 DERECHO A LA VIDA DIGNA DE PERSONA DE LA TERCERA EDAD-Protecci\u00f3n de los servicios personales dom\u00e9sticos \u00a0 SERVICIO DOMESTICO-Afiliaci\u00f3n al r\u00e9gimen de pensiones\/SERVICIO DOMESTICO-Protecci\u00f3n del m\u00ednimo vital de subsistencia de persona de avanzada edad \u00a0 DERECHO A LA SEGURIDAD SOCIAL DE PERSONA DE LA TERCERA EDAD-Fundamental por afectaci\u00f3n del m\u00ednimo vital\/DERECHO A LA VIDA DIGNA-Protecci\u00f3n del m\u00ednimo vital \u00a0 ACCION DE TUTELA-Procedencia excepcional pago de acreencias laborales \u00a0 ACCION DE TUTELA TRANSITORIA PARA EXEMPLEADA DEL SERVICIO DOMESTICO-Pago de suma equivalente al salario m\u00ednimo y afiliaci\u00f3n al POS \u00a0 DEFENSORIA DEL PUEBLO-Asistencia jur\u00eddica y legal necesaria ...<br \/><div class=\"pt-cv-rmwrap\"><a href=\"https:\/\/www.dmsjuridica.com\/buscador_20179478954\/corteconstitucionalcronologico202454587\/t-101-00\/\" class=\"_self pt-cv-readmore btn btn-success\" target=\"_self\">Ver Sentencia Completa...<\/a><\/div><\/div><\/div><\/div>\n<div class=\"col-md-12 col-sm-12 col-xs-12 pt-cv-content-item pt-cv-1-col\" ><div class='pt-cv-ifield'><a href=\"https:\/\/www.dmsjuridica.com\/buscador_20179478954\/corteconstitucionalcronologico202454587\/t-1009-00\/\" class=\"_self pt-cv-href-thumbnail pt-cv-thumb-default\" target=\"_self\" ><\/a>\n<div class=\"pt-cv-taxoterm above_title\"><a href='https:\/\/www.dmsjuridica.com\/buscador_20179478954\/corteconstitucionalcronologico202454587\/category\/buscar-en-toda-la-corte\/2000\/tutelas-2000\/' title='Tutelas 2000' class='pt-cv-tax-tutelas-2000'>Tutelas 2000<\/a><\/div>\n<h4 class=\"pt-cv-title\"><a href=\"https:\/\/www.dmsjuridica.com\/buscador_20179478954\/corteconstitucionalcronologico202454587\/t-1009-00\/\" class=\"_self\" target=\"_self\" >T-1009-00<\/a><\/h4>\n<div class=\"pt-cv-content\">\u00a0 \u00a0 Sentencia T-1009\/00 \u00a0 DOCTRINA CONSTITUCIONAL SOBRE VIA DE HECHO \u00a0 VIA DE HECHO-Procedencia excepcional de tutela \u00a0 VIA DE HECHO EN MATERIA DE INTERPRETACION-Fundamento no objetivo e irrazonable \u00a0 PRINCIPIO DE FAVORABILIDAD LABORAL-Autonom\u00eda judicial es relativa \u00a0 DERECHO A LA SUPERVIVENCIA DE PUEBLO INDIGENA EMBERA-KATIO\u00a0 \u00a0 DEBIDO PROCESO DE COMUNIDAD INDIGENA EMBERA-KATIO-Interpretaci\u00f3n err\u00f3nea de fallo de la Corte Constitucional \u00a0 DERECHO DE ACCESO A LA ADMINISTRACION DE JUSTICIA DE COMUNIDAD INDIGENA EMBERA-KATIO-Vulneraci\u00f3n \u00a0 DERECHO A LA IGUALDAD DE COMUNIDAD INDIGENA EMBERA-KATIO \u00a0 DERECHO A LA PARTICIPACION DE COMUNIDAD INDIGENA EMBERA-KATIO-Vulneraci\u00f3n \u00a0 DERECHO A LA SUPERVIVENCIA DEL PUEBLO INDIGENA ...<br \/><div class=\"pt-cv-rmwrap\"><a href=\"https:\/\/www.dmsjuridica.com\/buscador_20179478954\/corteconstitucionalcronologico202454587\/t-1009-00\/\" class=\"_self pt-cv-readmore btn btn-success\" target=\"_self\">Ver Sentencia Completa...<\/a><\/div><\/div><\/div><\/div>\n<div class=\"col-md-12 col-sm-12 col-xs-12 pt-cv-content-item pt-cv-1-col\" ><div class='pt-cv-ifield'><a href=\"https:\/\/www.dmsjuridica.com\/buscador_20179478954\/corteconstitucionalcronologico202454587\/t-1005-00\/\" class=\"_self pt-cv-href-thumbnail pt-cv-thumb-default\" target=\"_self\" ><\/a>\n<div class=\"pt-cv-taxoterm above_title\"><a href='https:\/\/www.dmsjuridica.com\/buscador_20179478954\/corteconstitucionalcronologico202454587\/category\/buscar-en-toda-la-corte\/2000\/tutelas-2000\/' title='Tutelas 2000' class='pt-cv-tax-tutelas-2000'>Tutelas 2000<\/a><\/div>\n<h4 class=\"pt-cv-title\"><a href=\"https:\/\/www.dmsjuridica.com\/buscador_20179478954\/corteconstitucionalcronologico202454587\/t-1005-00\/\" class=\"_self\" target=\"_self\" >T-1005-00<\/a><\/h4>\n<div class=\"pt-cv-content\">\u00a0 \u00a0 Sentencia T-1005\/00 \u00a0 DERECHO DE ASOCIACION SINDICAL-Vulneraci\u00f3n por desconocimiento de existencia del sindicato \u00a0 Infiere la Sala la violaci\u00f3n de los derechos a la asociaci\u00f3n y a la libertad sindicales, a la negociaci\u00f3n colectiva y a la igualdad, por cuanto la empresa demandada desconoci\u00f3 unilateralmente la existencia del sindicato SINTRAMINERCOL, lo cual conllev\u00f3 a que se ignorara la vigencia de la convenci\u00f3n m\u00e1s antigua, as\u00ed como el principio de favorabilidad en la aplicaci\u00f3n de las disposiciones de la convenci\u00f3n suscrita con el sindicato de industria, que benefician a los trabajadores.\u00a0 \u00a0 MEDIO DE DEFENSA LABORAL-Ineficacia \u00a0 Es cierto ...<br \/><div class=\"pt-cv-rmwrap\"><a href=\"https:\/\/www.dmsjuridica.com\/buscador_20179478954\/corteconstitucionalcronologico202454587\/t-1005-00\/\" class=\"_self pt-cv-readmore btn btn-success\" target=\"_self\">Ver Sentencia Completa...<\/a><\/div><\/div><\/div><\/div>\n<div class=\"col-md-12 col-sm-12 col-xs-12 pt-cv-content-item pt-cv-1-col\" ><div class='pt-cv-ifield'><a href=\"https:\/\/www.dmsjuridica.com\/buscador_20179478954\/corteconstitucionalcronologico202454587\/t-1004-00\/\" class=\"_self pt-cv-href-thumbnail pt-cv-thumb-default\" target=\"_self\" ><\/a>\n<div class=\"pt-cv-taxoterm above_title\"><a href='https:\/\/www.dmsjuridica.com\/buscador_20179478954\/corteconstitucionalcronologico202454587\/category\/buscar-en-toda-la-corte\/2000\/tutelas-2000\/' title='Tutelas 2000' class='pt-cv-tax-tutelas-2000'>Tutelas 2000<\/a><\/div>\n<h4 class=\"pt-cv-title\"><a href=\"https:\/\/www.dmsjuridica.com\/buscador_20179478954\/corteconstitucionalcronologico202454587\/t-1004-00\/\" class=\"_self\" target=\"_self\" >T-1004-00<\/a><\/h4>\n<div class=\"pt-cv-content\">\u00a0 \u00a0 Sentencia T-1004\/00 \u00a0 SISTEMA DE SEGURIDAD SOCIAL EN SALUD-Afiliado cotizante \u00a0 Los afiliados al sistema contributivo de seguridad social en salud con la calidad de cotizante, son aquellas personas vinculadas a trav\u00e9s de un contrato de trabajo, los servidores p\u00fablicos, los pensionados y jubilados, y los trabajadores independientes con capacidad de pago, que mediante el pago de una cotizaci\u00f3n aportan al sistema a trav\u00e9s de una E.P.S. y reciben como retribuci\u00f3n la prestaci\u00f3n del servicio de salud del P.O.S. incluyendo sus beneficiarios, entre los que se encuentran: el (o la) c\u00f3nyuge o el compa\u00f1ero o la compa\u00f1era permanente ...<br \/><div class=\"pt-cv-rmwrap\"><a href=\"https:\/\/www.dmsjuridica.com\/buscador_20179478954\/corteconstitucionalcronologico202454587\/t-1004-00\/\" class=\"_self pt-cv-readmore btn btn-success\" target=\"_self\">Ver Sentencia Completa...<\/a><\/div><\/div><\/div><\/div>\n<div class=\"col-md-12 col-sm-12 col-xs-12 pt-cv-content-item pt-cv-1-col\" ><div class='pt-cv-ifield'><a href=\"https:\/\/www.dmsjuridica.com\/buscador_20179478954\/corteconstitucionalcronologico202454587\/t-1003-00\/\" class=\"_self pt-cv-href-thumbnail pt-cv-thumb-default\" target=\"_self\" ><\/a>\n<div class=\"pt-cv-taxoterm above_title\"><a href='https:\/\/www.dmsjuridica.com\/buscador_20179478954\/corteconstitucionalcronologico202454587\/category\/buscar-en-toda-la-corte\/2000\/tutelas-2000\/' title='Tutelas 2000' class='pt-cv-tax-tutelas-2000'>Tutelas 2000<\/a><\/div>\n<h4 class=\"pt-cv-title\"><a href=\"https:\/\/www.dmsjuridica.com\/buscador_20179478954\/corteconstitucionalcronologico202454587\/t-1003-00\/\" class=\"_self\" target=\"_self\" >T-1003-00<\/a><\/h4>\n<div class=\"pt-cv-content\">\u00a0 \u00a0 Sentencia T-1003\/00 \u00a0 ACCION DE TUTELA CONTRA PROVIDENCIAS JUDICIALES-Procedencia excepcional por v\u00eda de hecho judicial \u00a0 COSA JUZGADA CONSTITUCIONAL-Efectos\/COSA JUZGADA CONSTITUCIONAL-Fundamentos que guarden relaci\u00f3n directa con parte resolutiva as\u00ed como los que la Corporaci\u00f3n misma indique \u00a0 COSA JUZGADA CONSTITUCIONAL IMPLICITA-Alcance\/COSA JUZGADA CONSTITUCIONAL EX PROFESO-Alcance \u00a0 Se puede concluir que la vinculaci\u00f3n de los fundamentos de la parte motiva con la resolutiva se puede hacer de dos maneras: en forma t\u00e1cita y en forma ex profeso. El primer caso se refiere a los fundamentos que impl\u00edcitamente est\u00e1n fusionados con la parte resolutiva; de ah\u00ed surge la cosa juzgada ...<br \/><div class=\"pt-cv-rmwrap\"><a href=\"https:\/\/www.dmsjuridica.com\/buscador_20179478954\/corteconstitucionalcronologico202454587\/t-1003-00\/\" class=\"_self pt-cv-readmore btn btn-success\" target=\"_self\">Ver Sentencia Completa...<\/a><\/div><\/div><\/div><\/div>\n<div class=\"col-md-12 col-sm-12 col-xs-12 pt-cv-content-item pt-cv-1-col\" ><div class='pt-cv-ifield'><a href=\"https:\/\/www.dmsjuridica.com\/buscador_20179478954\/corteconstitucionalcronologico202454587\/t-1002-00\/\" class=\"_self pt-cv-href-thumbnail pt-cv-thumb-default\" target=\"_self\" ><\/a>\n<div class=\"pt-cv-taxoterm above_title\"><a href='https:\/\/www.dmsjuridica.com\/buscador_20179478954\/corteconstitucionalcronologico202454587\/category\/buscar-en-toda-la-corte\/2000\/tutelas-2000\/' title='Tutelas 2000' class='pt-cv-tax-tutelas-2000'>Tutelas 2000<\/a><\/div>\n<h4 class=\"pt-cv-title\"><a href=\"https:\/\/www.dmsjuridica.com\/buscador_20179478954\/corteconstitucionalcronologico202454587\/t-1002-00\/\" class=\"_self\" target=\"_self\" >T-1002-00<\/a><\/h4>\n<div class=\"pt-cv-content\">\u00a0 \u00a0 Sentencia T-1002\/00 \u00a0 EMPLEADOR-Asunci\u00f3n servicio de salud por mora en aportes \u00a0 ENTIDAD PROMOTORA DE SALUD-Responsabilidad subsidiaria en casos de urgencia o gravedad por mora del empleador en aportes \u00a0 Referencia: expediente T-290.047 \u00a0 Acci\u00f3n de tutela instaurada por Esperanza Russi Yuli contra Salud Total - EPS. \u00a0 Magistrado Ponente:\u00a0 \u00a0 Dr. \u00a0ALVARO TAFUR GALVIS \u00a0 Santaf\u00e9 de Bogot\u00e1 \u00a0D. C., tres (3) de \u00a0agosto de dos mil (2000). \u00a0 SENTENCIA \u00a0 en el proceso de revisi\u00f3n del fallo adoptado por el Juzgado Tercero Penal Municipal de Santiago de Cali, dentro de la acci\u00f3n de tutela instaurada por ...<br \/><div class=\"pt-cv-rmwrap\"><a href=\"https:\/\/www.dmsjuridica.com\/buscador_20179478954\/corteconstitucionalcronologico202454587\/t-1002-00\/\" class=\"_self pt-cv-readmore btn btn-success\" target=\"_self\">Ver Sentencia Completa...<\/a><\/div><\/div><\/div><\/div>\n<div class=\"col-md-12 col-sm-12 col-xs-12 pt-cv-content-item pt-cv-1-col\" ><div class='pt-cv-ifield'><a href=\"https:\/\/www.dmsjuridica.com\/buscador_20179478954\/corteconstitucionalcronologico202454587\/t-1001-00\/\" class=\"_self pt-cv-href-thumbnail pt-cv-thumb-default\" target=\"_self\" ><\/a>\n<div class=\"pt-cv-taxoterm above_title\"><a href='https:\/\/www.dmsjuridica.com\/buscador_20179478954\/corteconstitucionalcronologico202454587\/category\/buscar-en-toda-la-corte\/2000\/tutelas-2000\/' title='Tutelas 2000' class='pt-cv-tax-tutelas-2000'>Tutelas 2000<\/a><\/div>\n<h4 class=\"pt-cv-title\"><a href=\"https:\/\/www.dmsjuridica.com\/buscador_20179478954\/corteconstitucionalcronologico202454587\/t-1001-00\/\" class=\"_self\" target=\"_self\" >T-1001-00<\/a><\/h4>\n<div class=\"pt-cv-content\">\u00a0 \u00a0 Sentencia T-1001\/00 \u00a0 DERECHOS FUNDAMENTALES-N\u00facleo esencial \u00a0 DERECHO A LA AUTONOMIA PERSONAL-L\u00edmites\/LIBERTAD CONTRACTUAL-L\u00edmites \u00a0 Si bien es cierto que la consignaci\u00f3n de los salarios en cuentas bancarias se\u00f1aladas por su empleador le impone a los trabajadores contratar el servicio financiero con la entidad elegida, determinando parcialmente su capacidad de negociaci\u00f3n, es claro que tal situaci\u00f3n se erige en una limitaci\u00f3n razonable al ejercicio del derecho a la autonom\u00eda personal. Ciertamente, siguiendo el hilo expuesto en el ac\u00e1pite anterior, el postulado constitucional que sustenta la libertad contractual es un derecho fundamental que admite limitaciones en aras del inter\u00e9s general: ...<br \/><div class=\"pt-cv-rmwrap\"><a href=\"https:\/\/www.dmsjuridica.com\/buscador_20179478954\/corteconstitucionalcronologico202454587\/t-1001-00\/\" class=\"_self pt-cv-readmore btn btn-success\" target=\"_self\">Ver Sentencia Completa...<\/a><\/div><\/div><\/div><\/div>\n<div class=\"col-md-12 col-sm-12 col-xs-12 pt-cv-content-item pt-cv-1-col\" ><div class='pt-cv-ifield'><a href=\"https:\/\/www.dmsjuridica.com\/buscador_20179478954\/corteconstitucionalcronologico202454587\/t-1000-00\/\" class=\"_self pt-cv-href-thumbnail pt-cv-thumb-default\" target=\"_self\" ><\/a>\n<div class=\"pt-cv-taxoterm above_title\"><a href='https:\/\/www.dmsjuridica.com\/buscador_20179478954\/corteconstitucionalcronologico202454587\/category\/buscar-en-toda-la-corte\/2000\/tutelas-2000\/' title='Tutelas 2000' class='pt-cv-tax-tutelas-2000'>Tutelas 2000<\/a><\/div>\n<h4 class=\"pt-cv-title\"><a href=\"https:\/\/www.dmsjuridica.com\/buscador_20179478954\/corteconstitucionalcronologico202454587\/t-1000-00\/\" class=\"_self\" target=\"_self\" >T-1000-00<\/a><\/h4>\n<div class=\"pt-cv-content\">\u00a0 \u00a0 Sentencia T-1000\/00 \u00a0 MEDIOS DE COMUNICACION-Grado de responsabilidad \u00a0 Para resolver las tensiones que se presenten entre derechos o bienes jur\u00eddicos, el juez constitucional debe tener en cuenta las circunstancias de cada caso. \u00a0Dentro de \u00e9stas, la Corte Constitucional ha identificado una serie de variables a partir de las cuales se puede determinar el grado de responsabilidad de los medios de comunicaci\u00f3n. \u00a0Algunas de las variables a considerar son: a) el grado de difusi\u00f3n de la informaci\u00f3n, b) su naturaleza, c) la forma como se difunde y, d) la buena fe del medio de comunicaci\u00f3n. \u00a0 MEDIOS DE ...<br \/><div class=\"pt-cv-rmwrap\"><a href=\"https:\/\/www.dmsjuridica.com\/buscador_20179478954\/corteconstitucionalcronologico202454587\/t-1000-00\/\" class=\"_self pt-cv-readmore btn btn-success\" target=\"_self\">Ver Sentencia Completa...<\/a><\/div><\/div><\/div><\/div>\n<div class=\"col-md-12 col-sm-12 col-xs-12 pt-cv-content-item pt-cv-1-col\" ><div class='pt-cv-ifield'><a href=\"https:\/\/www.dmsjuridica.com\/buscador_20179478954\/corteconstitucionalcronologico202454587\/t-100-00\/\" class=\"_self pt-cv-href-thumbnail pt-cv-thumb-default\" target=\"_self\" ><\/a>\n<div class=\"pt-cv-taxoterm above_title\"><a href='https:\/\/www.dmsjuridica.com\/buscador_20179478954\/corteconstitucionalcronologico202454587\/category\/buscar-en-toda-la-corte\/2000\/tutelas-2000\/' title='Tutelas 2000' class='pt-cv-tax-tutelas-2000'>Tutelas 2000<\/a><\/div>\n<h4 class=\"pt-cv-title\"><a href=\"https:\/\/www.dmsjuridica.com\/buscador_20179478954\/corteconstitucionalcronologico202454587\/t-100-00\/\" class=\"_self\" target=\"_self\" >T-100-00<\/a><\/h4>\n<div class=\"pt-cv-content\">\u00a0 \u00a0 Sentencia T-100\/00 \u00a0 ACCION DE TUTELA-Procedencia excepcional pago de acreencias laborales\/MINIMO VITAL-No afectaci\u00f3n para el caso \u00a0 Referencia: expediente T-247540 \u00a0 Acci\u00f3n de tutela instaurada por Susana Huffingtong Bryan contra el Departamento Archipi\u00e9lago de San Andr\u00e9s, Providencia y Santa Catalina \u00a0 Magistrado Ponente: \u00a0 Dr. JOS\u00c9 GREGORIO HERN\u00c1NDEZ GALINDO \u00a0 Santa Fe de Bogot\u00e1 D.C., tres (3) de febrero de dos mil (2000). \u00a0 La Sala Quinta de Revisi\u00f3n de la Corte Constitucional, en ejercicio de sus competencias constitucionales y legales, espec\u00edficamente las previstas en los art\u00edculos 86 y 241, numeral 9, de la Constituci\u00f3n Pol\u00edtica y en ...<br \/><div class=\"pt-cv-rmwrap\"><a href=\"https:\/\/www.dmsjuridica.com\/buscador_20179478954\/corteconstitucionalcronologico202454587\/t-100-00\/\" class=\"_self pt-cv-readmore btn btn-success\" target=\"_self\">Ver Sentencia Completa...<\/a><\/div><\/div><\/div><\/div>\n<div class=\"col-md-12 col-sm-12 col-xs-12 pt-cv-content-item pt-cv-1-col\" ><div class='pt-cv-ifield'><a href=\"https:\/\/www.dmsjuridica.com\/buscador_20179478954\/corteconstitucionalcronologico202454587\/t-099-00\/\" class=\"_self pt-cv-href-thumbnail pt-cv-thumb-default\" target=\"_self\" ><\/a>\n<div class=\"pt-cv-taxoterm above_title\"><a href='https:\/\/www.dmsjuridica.com\/buscador_20179478954\/corteconstitucionalcronologico202454587\/category\/buscar-en-toda-la-corte\/2000\/tutelas-2000\/' title='Tutelas 2000' class='pt-cv-tax-tutelas-2000'>Tutelas 2000<\/a><\/div>\n<h4 class=\"pt-cv-title\"><a href=\"https:\/\/www.dmsjuridica.com\/buscador_20179478954\/corteconstitucionalcronologico202454587\/t-099-00\/\" class=\"_self\" target=\"_self\" >T-099-00<\/a><\/h4>\n<div class=\"pt-cv-content\">\u00a0 \u00a0 Sentencia T-099\/00 \u00a0 JUEZ DE TUTELA-Incompetencia para ordenar reconocimiento de pensi\u00f3n de jubilaci\u00f3n \u00a0 DERECHO DE PETICION Y DERECHO A LO PEDIDO-Diferencias \u00a0 No se debe confundir el derecho de petici\u00f3n -cuyo n\u00facleo esencial radica en la posibilidad de acudir ante la autoridad y en obtener pronta resoluci\u00f3n- con el contenido de lo que se pide, es decir con la materia de la petici\u00f3n. La falta de respuesta o la resoluci\u00f3n tard\u00eda son formas de violaci\u00f3n de aquel y son susceptibles de la actuaci\u00f3n protectora del juez mediante el uso de la acci\u00f3n de tutela, pues en tales ...<br \/><div class=\"pt-cv-rmwrap\"><a href=\"https:\/\/www.dmsjuridica.com\/buscador_20179478954\/corteconstitucionalcronologico202454587\/t-099-00\/\" class=\"_self pt-cv-readmore btn btn-success\" target=\"_self\">Ver Sentencia Completa...<\/a><\/div><\/div><\/div><\/div>\n<div class=\"col-md-12 col-sm-12 col-xs-12 pt-cv-content-item pt-cv-1-col\" ><div class='pt-cv-ifield'><a href=\"https:\/\/www.dmsjuridica.com\/buscador_20179478954\/corteconstitucionalcronologico202454587\/t-098-00\/\" class=\"_self pt-cv-href-thumbnail pt-cv-thumb-default\" target=\"_self\" ><\/a>\n<div class=\"pt-cv-taxoterm above_title\"><a href='https:\/\/www.dmsjuridica.com\/buscador_20179478954\/corteconstitucionalcronologico202454587\/category\/buscar-en-toda-la-corte\/2000\/tutelas-2000\/' title='Tutelas 2000' class='pt-cv-tax-tutelas-2000'>Tutelas 2000<\/a><\/div>\n<h4 class=\"pt-cv-title\"><a href=\"https:\/\/www.dmsjuridica.com\/buscador_20179478954\/corteconstitucionalcronologico202454587\/t-098-00\/\" class=\"_self\" target=\"_self\" >T-098-00<\/a><\/h4>\n<div class=\"pt-cv-content\">\u00a0 \u00a0 Sentencia T-098\/00 \u00a0 ACCION DE TUTELA-Procedencia excepcional pago de acreencias laborales \u00a0 Referencia: expedientes T-243590 y T-243591 \u00a0 Acci\u00f3n de tutela instaurada por Franklin Antonio G\u00f3mez Berm\u00fadez y Carlos Caballero Zambrano contra la Gobernaci\u00f3n y la Industria Licorera del Magdalena\u00a0 \u00a0 Magistrado Ponente: \u00a0 Santa Fe de Bogot\u00e1 D.C., tres (3) de febrero de dos mil \u00a0(2000). \u00a0 La Sala Quinta de Revisi\u00f3n de la Corte Constitucional, en ejercicio de sus competencias constitucionales y legales, espec\u00edficamente las previstas en los art\u00edculos 86 y 241, numeral 9, de la Constituci\u00f3n Pol\u00edtica y en el Decreto 2591 de 1.991, ha ...<br \/><div class=\"pt-cv-rmwrap\"><a href=\"https:\/\/www.dmsjuridica.com\/buscador_20179478954\/corteconstitucionalcronologico202454587\/t-098-00\/\" class=\"_self pt-cv-readmore btn btn-success\" target=\"_self\">Ver Sentencia Completa...<\/a><\/div><\/div><\/div><\/div>\n<div class=\"col-md-12 col-sm-12 col-xs-12 pt-cv-content-item pt-cv-1-col\" ><div class='pt-cv-ifield'><a href=\"https:\/\/www.dmsjuridica.com\/buscador_20179478954\/corteconstitucionalcronologico202454587\/t-097-00\/\" class=\"_self pt-cv-href-thumbnail pt-cv-thumb-default\" target=\"_self\" ><\/a>\n<div class=\"pt-cv-taxoterm above_title\"><a href='https:\/\/www.dmsjuridica.com\/buscador_20179478954\/corteconstitucionalcronologico202454587\/category\/buscar-en-toda-la-corte\/2000\/tutelas-2000\/' title='Tutelas 2000' class='pt-cv-tax-tutelas-2000'>Tutelas 2000<\/a><\/div>\n<h4 class=\"pt-cv-title\"><a href=\"https:\/\/www.dmsjuridica.com\/buscador_20179478954\/corteconstitucionalcronologico202454587\/t-097-00\/\" class=\"_self\" target=\"_self\" >T-097-00<\/a><\/h4>\n<div class=\"pt-cv-content\">\u00a0 \u00a0 Sentencia T-097\/00 \u00a0 ACCION DE TUTELA-Procedencia excepcional pago de acreencias laborales \u00a0 Referencia: expediente T-242819 \u00a0 Acci\u00f3n de tutela instaurada por Mois\u00e9s Hincapie Gonz\u00e1lez contra la Gobernaci\u00f3n del Magdalena y la Industria Licorera del Magdalena \u00a0 Magistrado Ponente: \u00a0 Dr. JOS\u00c9 GREGORIO HERN\u00c1NDEZ GALINDO \u00a0 Santa Fe de Bogot\u00e1, D.C., tres (3) de febrero de dos mil (2000). \u00a0 La Sala Quinta de Revisi\u00f3n de la Corte Constitucional, en ejercicio de sus competencias constitucionales y legales, espec\u00edficamente las previstas en los art\u00edculos 86 y 241, numeral 9, de la Constituci\u00f3n Pol\u00edtica y en el Decreto 2591 de 1991, ...<br \/><div class=\"pt-cv-rmwrap\"><a href=\"https:\/\/www.dmsjuridica.com\/buscador_20179478954\/corteconstitucionalcronologico202454587\/t-097-00\/\" class=\"_self pt-cv-readmore btn btn-success\" target=\"_self\">Ver Sentencia Completa...<\/a><\/div><\/div><\/div><\/div>\n<div class=\"col-md-12 col-sm-12 col-xs-12 pt-cv-content-item pt-cv-1-col\" ><div class='pt-cv-ifield'><a href=\"https:\/\/www.dmsjuridica.com\/buscador_20179478954\/corteconstitucionalcronologico202454587\/t-096-00\/\" class=\"_self pt-cv-href-thumbnail pt-cv-thumb-default\" target=\"_self\" ><\/a>\n<div class=\"pt-cv-taxoterm above_title\"><a href='https:\/\/www.dmsjuridica.com\/buscador_20179478954\/corteconstitucionalcronologico202454587\/category\/buscar-en-toda-la-corte\/2000\/tutelas-2000\/' title='Tutelas 2000' class='pt-cv-tax-tutelas-2000'>Tutelas 2000<\/a><\/div>\n<h4 class=\"pt-cv-title\"><a href=\"https:\/\/www.dmsjuridica.com\/buscador_20179478954\/corteconstitucionalcronologico202454587\/t-096-00\/\" class=\"_self\" target=\"_self\" >T-096-00<\/a><\/h4>\n<div class=\"pt-cv-content\">\u00a0 \u00a0 Sentencia T-096\/00 \u00a0 CARRERA JUDICIAL-Rechazado nombramiento designado pierde calidad de concursante dejando de pertenecer al registro de elegibles \u00a0 REGISTRO NACIONAL DE ELEGIBLES-Exclusi\u00f3n por nombramiento en una de las sedes por la que opt\u00f3 \u00a0 CARRERA JUDICIAL-Escogencia de sede es un compromiso que vincula \u00a0 MEDIO DE DEFENSA JUDICIAL-Legalidad y vigencia de disposiciones que preven exclusi\u00f3n autom\u00e1tica del registro de elegibles \u00a0 Referencia: expediente T-271513 \u00a0 Peticionario: \u00a0Emma Cecilia Farias Cort\u00e9s\u00a0 \u00a0 Procedencia : Tribunal Superior del Distrito Judicial de Santaf\u00e9 de Bogot\u00e1, Sala de Familia \u00a0 Magistrado Ponente:\u00a0 \u00a0 Dr. ALFREDO BELTR\u00c1N SIERRA. \u00a0 Santaf\u00e9 de Bogot\u00e1, ...<br \/><div class=\"pt-cv-rmwrap\"><a href=\"https:\/\/www.dmsjuridica.com\/buscador_20179478954\/corteconstitucionalcronologico202454587\/t-096-00\/\" class=\"_self pt-cv-readmore btn btn-success\" target=\"_self\">Ver Sentencia Completa...<\/a><\/div><\/div><\/div><\/div>\n<div class=\"col-md-12 col-sm-12 col-xs-12 pt-cv-content-item pt-cv-1-col\" ><div class='pt-cv-ifield'><a href=\"https:\/\/www.dmsjuridica.com\/buscador_20179478954\/corteconstitucionalcronologico202454587\/t-094-00\/\" class=\"_self pt-cv-href-thumbnail pt-cv-thumb-default\" target=\"_self\" ><\/a>\n<div class=\"pt-cv-taxoterm above_title\"><a href='https:\/\/www.dmsjuridica.com\/buscador_20179478954\/corteconstitucionalcronologico202454587\/category\/buscar-en-toda-la-corte\/2000\/tutelas-2000\/' title='Tutelas 2000' class='pt-cv-tax-tutelas-2000'>Tutelas 2000<\/a><\/div>\n<h4 class=\"pt-cv-title\"><a href=\"https:\/\/www.dmsjuridica.com\/buscador_20179478954\/corteconstitucionalcronologico202454587\/t-094-00\/\" class=\"_self\" target=\"_self\" >T-094-00<\/a><\/h4>\n<div class=\"pt-cv-content\">\u00a0 \u00a0 Sentencia T-094\/00 \u00a0 ACCION DE TUTELA CONTRA PERSONA JURIDICA-Canal caracol, programa s\u00e9ptimo d\u00eda \u00a0 Cabe destacar que en cuanto a la acci\u00f3n de tutela contra el Canal Caracol - Programa S\u00e9ptimo D\u00eda, no cabe duda acerca de su procedencia, en cuanto \u00e9ste en su calidad de persona jur\u00eddica de naturaleza particular y privada, est\u00e1 encargado de la prestaci\u00f3n del servicio p\u00fablico de televisi\u00f3n, y como tal al tenor de los art\u00edculos 86 de la Constituci\u00f3n y 42 del Decreto 2591 de 1991, contra \u00e9l es viable la interposici\u00f3n de la acci\u00f3n de tutela.\u00a0 \u00a0 PERSONA JURIDICA-Titularidad de derechos ...<br \/><div class=\"pt-cv-rmwrap\"><a href=\"https:\/\/www.dmsjuridica.com\/buscador_20179478954\/corteconstitucionalcronologico202454587\/t-094-00\/\" class=\"_self pt-cv-readmore btn btn-success\" target=\"_self\">Ver Sentencia Completa...<\/a><\/div><\/div><\/div><\/div>\n<div class=\"col-md-12 col-sm-12 col-xs-12 pt-cv-content-item pt-cv-1-col\" ><div class='pt-cv-ifield'><a href=\"https:\/\/www.dmsjuridica.com\/buscador_20179478954\/corteconstitucionalcronologico202454587\/t-093-00\/\" class=\"_self pt-cv-href-thumbnail pt-cv-thumb-default\" target=\"_self\" ><\/a>\n<div class=\"pt-cv-taxoterm above_title\"><a href='https:\/\/www.dmsjuridica.com\/buscador_20179478954\/corteconstitucionalcronologico202454587\/category\/buscar-en-toda-la-corte\/2000\/tutelas-2000\/' title='Tutelas 2000' class='pt-cv-tax-tutelas-2000'>Tutelas 2000<\/a><\/div>\n<h4 class=\"pt-cv-title\"><a href=\"https:\/\/www.dmsjuridica.com\/buscador_20179478954\/corteconstitucionalcronologico202454587\/t-093-00\/\" class=\"_self\" target=\"_self\" >T-093-00<\/a><\/h4>\n<div class=\"pt-cv-content\">\u00a0 \u00a0 Sentencia T-093\/00 \u00a0 DERECHO A LA SALUD-Fundamental por conexidad con la vida \u00a0 El derecho a la salud \u00a0no es, en s\u00ed mismo fundamental, que pertenece a los denominados de segunda generaci\u00f3n y, por tanto, en principio no cabe la acci\u00f3n de tutela, a menos que, consideradas las circunstancias del caso concreto, se encuentre en conexidad con el derecho a la vida o con otros derechos fundamentales, pues su rango es eminentemente de car\u00e1cter prestacional, lo que impide que en principio pueda obtenerse su satisfacci\u00f3n por v\u00eda tutelar y por lo tanto, su protecci\u00f3n debe ser atribu\u00edda a ...<br \/><div class=\"pt-cv-rmwrap\"><a href=\"https:\/\/www.dmsjuridica.com\/buscador_20179478954\/corteconstitucionalcronologico202454587\/t-093-00\/\" class=\"_self pt-cv-readmore btn btn-success\" target=\"_self\">Ver Sentencia Completa...<\/a><\/div><\/div><\/div><\/div>\n<div class=\"col-md-12 col-sm-12 col-xs-12 pt-cv-content-item pt-cv-1-col\" ><div class='pt-cv-ifield'><a href=\"https:\/\/www.dmsjuridica.com\/buscador_20179478954\/corteconstitucionalcronologico202454587\/t-092-00\/\" class=\"_self pt-cv-href-thumbnail pt-cv-thumb-default\" target=\"_self\" ><\/a>\n<div class=\"pt-cv-taxoterm above_title\"><a href='https:\/\/www.dmsjuridica.com\/buscador_20179478954\/corteconstitucionalcronologico202454587\/category\/buscar-en-toda-la-corte\/2000\/tutelas-2000\/' title='Tutelas 2000' class='pt-cv-tax-tutelas-2000'>Tutelas 2000<\/a><\/div>\n<h4 class=\"pt-cv-title\"><a href=\"https:\/\/www.dmsjuridica.com\/buscador_20179478954\/corteconstitucionalcronologico202454587\/t-092-00\/\" class=\"_self\" target=\"_self\" >T-092-00<\/a><\/h4>\n<div class=\"pt-cv-content\">\u00a0 \u00a0 Sentencia T-092\/00 \u00a0 ACCION DE TUTELA CONTRA PARTICULARES-Procedencia excepcional \u00a0 DERECHO A LA VIDA DIGNA DE PERSONA DE LA TERCERA EDAD-Protecci\u00f3n de los servicios personales dom\u00e9sticos\/SERVICIO DOMESTICO-Afiliaci\u00f3n al r\u00e9gimen de pensiones\/SERVICIO DOMESTICO-Protecci\u00f3n del m\u00ednimo vital de subsistencia de persona de avanzada edad \u00a0 La protecci\u00f3n y la asistencia a la seguridad social de las personas de la tercera edad, configuran obligaciones constitucionales, que corresponden tanto al Estado, como a la sociedad y la familia. Es, por consiguiente, el mismo Estado el que debe garantizar su seguridad social y su manutenci\u00f3n en caso de indigencia. Cuando las referidas personas, ...<br \/><div class=\"pt-cv-rmwrap\"><a href=\"https:\/\/www.dmsjuridica.com\/buscador_20179478954\/corteconstitucionalcronologico202454587\/t-092-00\/\" class=\"_self pt-cv-readmore btn btn-success\" target=\"_self\">Ver Sentencia Completa...<\/a><\/div><\/div><\/div><\/div>\n<div class=\"col-md-12 col-sm-12 col-xs-12 pt-cv-content-item pt-cv-1-col\" ><div class='pt-cv-ifield'><a href=\"https:\/\/www.dmsjuridica.com\/buscador_20179478954\/corteconstitucionalcronologico202454587\/t-086-00\/\" class=\"_self pt-cv-href-thumbnail pt-cv-thumb-default\" target=\"_self\" ><\/a>\n<div class=\"pt-cv-taxoterm above_title\"><a href='https:\/\/www.dmsjuridica.com\/buscador_20179478954\/corteconstitucionalcronologico202454587\/category\/buscar-en-toda-la-corte\/2000\/tutelas-2000\/' title='Tutelas 2000' class='pt-cv-tax-tutelas-2000'>Tutelas 2000<\/a><\/div>\n<h4 class=\"pt-cv-title\"><a href=\"https:\/\/www.dmsjuridica.com\/buscador_20179478954\/corteconstitucionalcronologico202454587\/t-086-00\/\" class=\"_self\" target=\"_self\" >T-086-00<\/a><\/h4>\n<div class=\"pt-cv-content\">\u00a0 \u00a0 Sentencia T-086\/00 \u00a0 PENSION DE JUBILACION-Improcedencia de nivelaci\u00f3n por compa\u00f1era permanente \u00a0 Referencia: expediente T-248193 \u00a0 Demandante: \u00a0 Pablo Fidencio Florez Arango \u00a0 Demandado: \u00a0 Instituto de los Seguros Sociales - Seccional Valle Del Cauca \u00a0 Temas: \u00a0 Nivelaci\u00f3n pensional \u00a0 Magistrado Ponente: \u00a0 Dr. FABIO MORON DIAZ. \u00a0 Santa Fe de Bogot\u00e1, D.C., \u00a0febrero primero (1\u00ba) de dos mil (2000) \u00a0 \u00a0 \u00a0 La Sala S\u00e9ptima de Revisi\u00f3n de Tutelas de la Corte Constitucional, integrada por los magistrados Fabio Mor\u00f3n D\u00edaz, Vladimiro Naranjo Mesa y Alvaro Tafur Galvis, en ejercicio de sus competencias constitucionales y legales, ha ...<br \/><div class=\"pt-cv-rmwrap\"><a href=\"https:\/\/www.dmsjuridica.com\/buscador_20179478954\/corteconstitucionalcronologico202454587\/t-086-00\/\" class=\"_self pt-cv-readmore btn btn-success\" target=\"_self\">Ver Sentencia Completa...<\/a><\/div><\/div><\/div><\/div>\n<div class=\"col-md-12 col-sm-12 col-xs-12 pt-cv-content-item pt-cv-1-col\" ><div class='pt-cv-ifield'><a href=\"https:\/\/www.dmsjuridica.com\/buscador_20179478954\/corteconstitucionalcronologico202454587\/t-085-00\/\" class=\"_self pt-cv-href-thumbnail pt-cv-thumb-default\" target=\"_self\" ><\/a>\n<div class=\"pt-cv-taxoterm above_title\"><a href='https:\/\/www.dmsjuridica.com\/buscador_20179478954\/corteconstitucionalcronologico202454587\/category\/buscar-en-toda-la-corte\/2000\/tutelas-2000\/' title='Tutelas 2000' class='pt-cv-tax-tutelas-2000'>Tutelas 2000<\/a><\/div>\n<h4 class=\"pt-cv-title\"><a href=\"https:\/\/www.dmsjuridica.com\/buscador_20179478954\/corteconstitucionalcronologico202454587\/t-085-00\/\" class=\"_self\" target=\"_self\" >T-085-00<\/a><\/h4>\n<div class=\"pt-cv-content\">\u00a0 \u00a0 Sentencia T-085\/00 \u00a0 DEFENSOR DE OFICIO EN PROCESO PENAL-Imposibilidad de retirar expediente \u00a0 La negativa del pr\u00e9stamo del expediente de copias al actor, en los t\u00e9rminos se\u00f1alados por jueces y fiscales, fue producto de una interpretaci\u00f3n razonable de las normas, en la \u00a0medida en que se sustent\u00f3 en \u00a0causas justificadas y constitucionales, como son la necesidad de garantizar el acceso de todos los dem\u00e1s sujetos procesales en las mismas condiciones de igualdad al expediente, y asegurar \u00a0la reserva en los eventos legalmente establecidos, a fin de lograr la protecci\u00f3n de otros derechos fundamentales como la intimidad y la ...<br \/><div class=\"pt-cv-rmwrap\"><a href=\"https:\/\/www.dmsjuridica.com\/buscador_20179478954\/corteconstitucionalcronologico202454587\/t-085-00\/\" class=\"_self pt-cv-readmore btn btn-success\" target=\"_self\">Ver Sentencia Completa...<\/a><\/div><\/div><\/div><\/div>\n<div class=\"col-md-12 col-sm-12 col-xs-12 pt-cv-content-item pt-cv-1-col\" ><div class='pt-cv-ifield'><a href=\"https:\/\/www.dmsjuridica.com\/buscador_20179478954\/corteconstitucionalcronologico202454587\/t-084-00\/\" class=\"_self pt-cv-href-thumbnail pt-cv-thumb-default\" target=\"_self\" ><\/a>\n<div class=\"pt-cv-taxoterm above_title\"><a href='https:\/\/www.dmsjuridica.com\/buscador_20179478954\/corteconstitucionalcronologico202454587\/category\/buscar-en-toda-la-corte\/2000\/tutelas-2000\/' title='Tutelas 2000' class='pt-cv-tax-tutelas-2000'>Tutelas 2000<\/a><\/div>\n<h4 class=\"pt-cv-title\"><a href=\"https:\/\/www.dmsjuridica.com\/buscador_20179478954\/corteconstitucionalcronologico202454587\/t-084-00\/\" class=\"_self\" target=\"_self\" >T-084-00<\/a><\/h4>\n<div class=\"pt-cv-content\">\u00a0 \u00a0 Sentencia T-084\/00 \u00a0 PRINCIPIO DE LA CONFIANZA LEGITIMA-Aplicaci\u00f3n \u00a0 El eje sobre el cual ha girado el amparo a los vendedores ambulantes es lo que la doctrina especializada considera como la confianza leg\u00edtima. Es \u00e9ste un principio que debe permear el derecho administrativo, el cual, si bien se deriva directamente de los principios de seguridad jur\u00eddica y buena fe, adquiere una identidad propia en virtud de las especiales reglas que se imponen en la relaci\u00f3n entre administraci\u00f3n y administrado. Es por ello que la confianza en la administraci\u00f3n no s\u00f3lo es \u00e9ticamente deseable sino jur\u00eddicamente exigible. Este principio ...<br \/><div class=\"pt-cv-rmwrap\"><a href=\"https:\/\/www.dmsjuridica.com\/buscador_20179478954\/corteconstitucionalcronologico202454587\/t-084-00\/\" class=\"_self pt-cv-readmore btn btn-success\" target=\"_self\">Ver Sentencia Completa...<\/a><\/div><\/div><\/div><\/div>\n<div class=\"col-md-12 col-sm-12 col-xs-12 pt-cv-content-item pt-cv-1-col\" ><div class='pt-cv-ifield'><a href=\"https:\/\/www.dmsjuridica.com\/buscador_20179478954\/corteconstitucionalcronologico202454587\/t-083-00\/\" class=\"_self pt-cv-href-thumbnail pt-cv-thumb-default\" target=\"_self\" ><\/a>\n<div class=\"pt-cv-taxoterm above_title\"><a href='https:\/\/www.dmsjuridica.com\/buscador_20179478954\/corteconstitucionalcronologico202454587\/category\/buscar-en-toda-la-corte\/2000\/tutelas-2000\/' title='Tutelas 2000' class='pt-cv-tax-tutelas-2000'>Tutelas 2000<\/a><\/div>\n<h4 class=\"pt-cv-title\"><a href=\"https:\/\/www.dmsjuridica.com\/buscador_20179478954\/corteconstitucionalcronologico202454587\/t-083-00\/\" class=\"_self\" target=\"_self\" >T-083-00<\/a><\/h4>\n<div class=\"pt-cv-content\">\u00a0 \u00a0 Sentencia T-083\/00 \u00a0 AGENCIA OFICIOSA EN TUTELA-Falta de ratificaci\u00f3n del afectado\/FALTA DE LEGITIMACION POR ACTIVA EN TUTELA-Persona internada en hospital \u00a0 Con solo manifestarse que se es agente oficioso, finaliza la actividad procedimental al respecto. Hay unas condiciones posteriores que si no ocurren dejan sin piso el accionar del agente oficioso. El C\u00f3digo de Procedimiento civil, art\u00edculo 47, aplicable por analog\u00eda, ordena que la persona a cuyo nombre se actu\u00f3, posteriormente ratifique lo hecho y se\u00f1ala un t\u00e9rmino de 2 meses para hacerlo. Como no se dio el requisito indicado, la personer\u00eda adjetiva de los agentes oficiosos pierde ...<br \/><div class=\"pt-cv-rmwrap\"><a href=\"https:\/\/www.dmsjuridica.com\/buscador_20179478954\/corteconstitucionalcronologico202454587\/t-083-00\/\" class=\"_self pt-cv-readmore btn btn-success\" target=\"_self\">Ver Sentencia Completa...<\/a><\/div><\/div><\/div><\/div>\n<div class=\"col-md-12 col-sm-12 col-xs-12 pt-cv-content-item pt-cv-1-col\" ><div class='pt-cv-ifield'><a href=\"https:\/\/www.dmsjuridica.com\/buscador_20179478954\/corteconstitucionalcronologico202454587\/t-082-00\/\" class=\"_self pt-cv-href-thumbnail pt-cv-thumb-default\" target=\"_self\" ><\/a>\n<div class=\"pt-cv-taxoterm above_title\"><a href='https:\/\/www.dmsjuridica.com\/buscador_20179478954\/corteconstitucionalcronologico202454587\/category\/buscar-en-toda-la-corte\/2000\/tutelas-2000\/' title='Tutelas 2000' class='pt-cv-tax-tutelas-2000'>Tutelas 2000<\/a><\/div>\n<h4 class=\"pt-cv-title\"><a href=\"https:\/\/www.dmsjuridica.com\/buscador_20179478954\/corteconstitucionalcronologico202454587\/t-082-00\/\" class=\"_self\" target=\"_self\" >T-082-00<\/a><\/h4>\n<div class=\"pt-cv-content\">\u00a0 \u00a0 Sentencia T-082\/00 \u00a0 REVISION FALLO DE TUTELA-Fallecimiento de la menor \u00a0 Referencia: expediente T-268756 \u00a0 \u00a0 \u00a0 Acci\u00f3n de tutela instaurada por Personero Municipal de San Pedro de Urab\u00e1 contra Cl\u00ednica Santa Mar\u00eda \u00a0 Magistrado Ponente: \u00a0 Dr. ALEJANDRO MARTINEZ CABALLERO \u00a0 Santa Fe de Bogot\u00e1, D.C., primero (1) de febrero de dos mil (2.000). \u00a0 La Sala Sexta de Revisi\u00f3n de la Corte Constitucional, integrada por los Magistrados doctores Fabio Mor\u00f3n D\u00edaz, Vladimiro Naranjo Mesa y Alejandro Mart\u00ednez Caballero, en ejercicio de sus competencias constitucionales y legales, ha proferido la siguiente\u00a0 \u00a0 SENTENCIA \u00a0 ANTECEDENTES \u00a0 1 ...<br \/><div class=\"pt-cv-rmwrap\"><a href=\"https:\/\/www.dmsjuridica.com\/buscador_20179478954\/corteconstitucionalcronologico202454587\/t-082-00\/\" class=\"_self pt-cv-readmore btn btn-success\" target=\"_self\">Ver Sentencia Completa...<\/a><\/div><\/div><\/div><\/div>\n<div class=\"col-md-12 col-sm-12 col-xs-12 pt-cv-content-item pt-cv-1-col\" ><div class='pt-cv-ifield'><a href=\"https:\/\/www.dmsjuridica.com\/buscador_20179478954\/corteconstitucionalcronologico202454587\/t-081-00\/\" class=\"_self pt-cv-href-thumbnail pt-cv-thumb-default\" target=\"_self\" ><\/a>\n<div class=\"pt-cv-taxoterm above_title\"><a href='https:\/\/www.dmsjuridica.com\/buscador_20179478954\/corteconstitucionalcronologico202454587\/category\/buscar-en-toda-la-corte\/2000\/tutelas-2000\/' title='Tutelas 2000' class='pt-cv-tax-tutelas-2000'>Tutelas 2000<\/a><\/div>\n<h4 class=\"pt-cv-title\"><a href=\"https:\/\/www.dmsjuridica.com\/buscador_20179478954\/corteconstitucionalcronologico202454587\/t-081-00\/\" class=\"_self\" target=\"_self\" >T-081-00<\/a><\/h4>\n<div class=\"pt-cv-content\">\u00a0 \u00a0 Sentencia T-081\/00 \u00a0 ACCION DE TUTELA-Procedencia excepcional pago de acreencias laborales \u00a0 Referencia: expedientes T-214.303, T-225.311 y T-226.383 (acumulados) \u00a0 Magistrado Ponente:\u00a0 \u00a0 Dr ALEJANDRO MART\u00cdNEZ CABALLERO \u00a0 Santa Fe de Bogot\u00e1, primero (1) de febrero de dos mil (2000) \u00a0 La Sala Sexta de Revisi\u00f3n de la Corte Constitucional, integrada por los Magistrados Alejandro Mart\u00ednez Caballero, Fabio Mor\u00f3n D\u00edaz y Vladimiro Naranjo Mesa, en ejercicio de sus competencias constitucionales y legales, ha proferido la siguiente \u00a0 \u00a0 \u00a0 SENTENCIA \u00a0 en el proceso de revisi\u00f3n de los fallos adoptados dentro de las acciones de tutela instauradas, individualmente, ...<br \/><div class=\"pt-cv-rmwrap\"><a href=\"https:\/\/www.dmsjuridica.com\/buscador_20179478954\/corteconstitucionalcronologico202454587\/t-081-00\/\" class=\"_self pt-cv-readmore btn btn-success\" target=\"_self\">Ver Sentencia Completa...<\/a><\/div><\/div><\/div><\/div>\n<div class=\"col-md-12 col-sm-12 col-xs-12 pt-cv-content-item pt-cv-1-col\" ><div class='pt-cv-ifield'><a href=\"https:\/\/www.dmsjuridica.com\/buscador_20179478954\/corteconstitucionalcronologico202454587\/t-080-00\/\" class=\"_self pt-cv-href-thumbnail pt-cv-thumb-default\" target=\"_self\" ><\/a>\n<div class=\"pt-cv-taxoterm above_title\"><a href='https:\/\/www.dmsjuridica.com\/buscador_20179478954\/corteconstitucionalcronologico202454587\/category\/buscar-en-toda-la-corte\/2000\/tutelas-2000\/' title='Tutelas 2000' class='pt-cv-tax-tutelas-2000'>Tutelas 2000<\/a><\/div>\n<h4 class=\"pt-cv-title\"><a href=\"https:\/\/www.dmsjuridica.com\/buscador_20179478954\/corteconstitucionalcronologico202454587\/t-080-00\/\" class=\"_self\" target=\"_self\" >T-080-00<\/a><\/h4>\n<div class=\"pt-cv-content\">\u00a0 \u00a0 Sentencia T-080\/00 \u00a0 ACCION DE TUTELA CONTRA PARTICULARES-Procedencia excepcional \u00a0 ACCION DE TUTELA CONTRA PARTICULARES-Prestaci\u00f3n de servicio p\u00fablico de energ\u00eda \u00a0 DERECHO DE PETICION ANTE ORGANIZACIONES PRIVADAS-Prestaci\u00f3n de servicio p\u00fablico de energ\u00eda \u00a0 DERECHO DE PETICION-Pronta resoluci\u00f3n y decisi\u00f3n de fondo \u00a0 DERECHO DE PETICION-No comprende sentido de la decisi\u00f3n \u00a0 DERECHO DE PETICION-No admisi\u00f3n de respuestas evasivas \u00a0 DERECHO DE PETICION-Informaci\u00f3n sobre motivos de la demora y fecha en que se dar\u00e1 respuesta \u00a0 MEDIO DE DEFENSA-Indemnizaci\u00f3n de da\u00f1os sufridos en vivienda por accidente en torre de energ\u00eda \u00a0 DERECHO A LA VIDA-Mal estado de red el\u00e9ctrica ...<br \/><div class=\"pt-cv-rmwrap\"><a href=\"https:\/\/www.dmsjuridica.com\/buscador_20179478954\/corteconstitucionalcronologico202454587\/t-080-00\/\" class=\"_self pt-cv-readmore btn btn-success\" target=\"_self\">Ver Sentencia Completa...<\/a><\/div><\/div><\/div><\/div>\n<div class=\"col-md-12 col-sm-12 col-xs-12 pt-cv-content-item pt-cv-1-col\" ><div class='pt-cv-ifield'><a href=\"https:\/\/www.dmsjuridica.com\/buscador_20179478954\/corteconstitucionalcronologico202454587\/t-079-00\/\" class=\"_self pt-cv-href-thumbnail pt-cv-thumb-default\" target=\"_self\" ><\/a>\n<div class=\"pt-cv-taxoterm above_title\"><a href='https:\/\/www.dmsjuridica.com\/buscador_20179478954\/corteconstitucionalcronologico202454587\/category\/buscar-en-toda-la-corte\/2000\/tutelas-2000\/' title='Tutelas 2000' class='pt-cv-tax-tutelas-2000'>Tutelas 2000<\/a><\/div>\n<h4 class=\"pt-cv-title\"><a href=\"https:\/\/www.dmsjuridica.com\/buscador_20179478954\/corteconstitucionalcronologico202454587\/t-079-00\/\" class=\"_self\" target=\"_self\" >T-079-00<\/a><\/h4>\n<div class=\"pt-cv-content\">\u00a0 \u00a0 Sentencia T-079\/00 \u00a0 ACCION DE TUTELA-Procedencia excepcional pago de acreencias laborales \u00a0 Referencia: expedientes acumulados T-241437, T-241518, T-241592, T-241602 y T-242186 \u00a0 Acciones de tutela incoadas por Luz Dary Parra Abadia, Julio Hoyos Fajardo, Adelaida Martinez Lozano, Hugo Arbey Gomez Meneses Y Carmen Percides Marmolejo De Calero contra el \"Hospital San Juan de Dios de Cali\". \u00a0 Magistrado Ponente: \u00a0 Dr. JOSE GREGORIO HERNANDEZ GALINDO\u00a0 \u00a0 Aprobada en Santa Fe de Bogot\u00e1, D.C., el primero (1) de febrero de dos mil (2000). \u00a0 La Sala Quinta de Revisi\u00f3n de la Corte Constitucional, en ejercicio de sus competencias constitucionales ...<br \/><div class=\"pt-cv-rmwrap\"><a href=\"https:\/\/www.dmsjuridica.com\/buscador_20179478954\/corteconstitucionalcronologico202454587\/t-079-00\/\" class=\"_self pt-cv-readmore btn btn-success\" target=\"_self\">Ver Sentencia Completa...<\/a><\/div><\/div><\/div><\/div>\n<div class=\"col-md-12 col-sm-12 col-xs-12 pt-cv-content-item pt-cv-1-col\" ><div class='pt-cv-ifield'><a href=\"https:\/\/www.dmsjuridica.com\/buscador_20179478954\/corteconstitucionalcronologico202454587\/t-078-00\/\" class=\"_self pt-cv-href-thumbnail pt-cv-thumb-default\" target=\"_self\" ><\/a>\n<div class=\"pt-cv-taxoterm above_title\"><a href='https:\/\/www.dmsjuridica.com\/buscador_20179478954\/corteconstitucionalcronologico202454587\/category\/buscar-en-toda-la-corte\/2000\/tutelas-2000\/' title='Tutelas 2000' class='pt-cv-tax-tutelas-2000'>Tutelas 2000<\/a><\/div>\n<h4 class=\"pt-cv-title\"><a href=\"https:\/\/www.dmsjuridica.com\/buscador_20179478954\/corteconstitucionalcronologico202454587\/t-078-00\/\" class=\"_self\" target=\"_self\" >T-078-00<\/a><\/h4>\n<div class=\"pt-cv-content\">\u00a0 \u00a0 Sentencia T-078\/00 \u00a0 ACCION DE TUTELA-Procedencia excepcional pago de acreencias laborales \u00a0 Referencia: expediente T-247879 \u00a0 Acci\u00f3n de tutela instaurada por Sandra Patricia Cardona Morales contra el Alcalde y el Contralor Municipal de Fresno. \u00a0 Magistrado ponente: \u00a0 Dr. JOS\u00c9 GREGORIO HERN\u00c1NDEZ GALINDO \u00a0 Aprobada en Santa Fe de Bogot\u00e1, D.C., el primero (1) de febrero de dos mil (2000). \u00a0 La Sala Quinta de Revisi\u00f3n de la Corte Constitucional, en ejercicio de sus competencias constitucionales y legales, en especial las previstas en los art\u00edculos 86 y 241-9, de la Constituci\u00f3n y en el Decreto 2591 de 1991, ...<br \/><div class=\"pt-cv-rmwrap\"><a href=\"https:\/\/www.dmsjuridica.com\/buscador_20179478954\/corteconstitucionalcronologico202454587\/t-078-00\/\" class=\"_self pt-cv-readmore btn btn-success\" target=\"_self\">Ver Sentencia Completa...<\/a><\/div><\/div><\/div><\/div>\n<div class=\"col-md-12 col-sm-12 col-xs-12 pt-cv-content-item pt-cv-1-col\" ><div class='pt-cv-ifield'><a href=\"https:\/\/www.dmsjuridica.com\/buscador_20179478954\/corteconstitucionalcronologico202454587\/t-077-00\/\" class=\"_self pt-cv-href-thumbnail pt-cv-thumb-default\" target=\"_self\" ><\/a>\n<div class=\"pt-cv-taxoterm above_title\"><a href='https:\/\/www.dmsjuridica.com\/buscador_20179478954\/corteconstitucionalcronologico202454587\/category\/buscar-en-toda-la-corte\/2000\/tutelas-2000\/' title='Tutelas 2000' class='pt-cv-tax-tutelas-2000'>Tutelas 2000<\/a><\/div>\n<h4 class=\"pt-cv-title\"><a href=\"https:\/\/www.dmsjuridica.com\/buscador_20179478954\/corteconstitucionalcronologico202454587\/t-077-00\/\" class=\"_self\" target=\"_self\" >T-077-00<\/a><\/h4>\n<div class=\"pt-cv-content\">\u00a0 \u00a0 Sentencia T-077\/00 \u00a0 EMPRESA PROMOTORA DE SALUD-Cirug\u00eda sin cumplir periodo m\u00ednimo de cotizaci\u00f3n \u00a0 Referencia: expediente T-247740 \u00a0 Acci\u00f3n de tutela instaurada por Henry Preciado Parra contra la EPS \"CONVIDA\" \u00a0 Magistrado Ponente: \u00a0 Dr. JOSE GREGORIO HERNANDEZ GALINDO \u00a0 Aprobada en Santa Fe de Bogot\u00e1, D.C., primero (1) de febrero de dos mil (2000). \u00a0 La Sala Quinta de Revisi\u00f3n de la Corte Constitucional, en ejercicio de sus competencias constitucionales y legales, espec\u00edficamente las previstas en los art\u00edculos 86 y 241, numeral 9, de la Constituci\u00f3n Pol\u00edtica y en el Decreto 2591 de 1991, ha proferido la ...<br \/><div class=\"pt-cv-rmwrap\"><a href=\"https:\/\/www.dmsjuridica.com\/buscador_20179478954\/corteconstitucionalcronologico202454587\/t-077-00\/\" class=\"_self pt-cv-readmore btn btn-success\" target=\"_self\">Ver Sentencia Completa...<\/a><\/div><\/div><\/div><\/div>\n<div class=\"col-md-12 col-sm-12 col-xs-12 pt-cv-content-item pt-cv-1-col\" ><div class='pt-cv-ifield'><a href=\"https:\/\/www.dmsjuridica.com\/buscador_20179478954\/corteconstitucionalcronologico202454587\/t-076-00\/\" class=\"_self pt-cv-href-thumbnail pt-cv-thumb-default\" target=\"_self\" ><\/a>\n<div class=\"pt-cv-taxoterm above_title\"><a href='https:\/\/www.dmsjuridica.com\/buscador_20179478954\/corteconstitucionalcronologico202454587\/category\/buscar-en-toda-la-corte\/2000\/tutelas-2000\/' title='Tutelas 2000' class='pt-cv-tax-tutelas-2000'>Tutelas 2000<\/a><\/div>\n<h4 class=\"pt-cv-title\"><a href=\"https:\/\/www.dmsjuridica.com\/buscador_20179478954\/corteconstitucionalcronologico202454587\/t-076-00\/\" class=\"_self\" target=\"_self\" >T-076-00<\/a><\/h4>\n<div class=\"pt-cv-content\">\u00a0 \u00a0 Sentencia T-076\/00 \u00a0 DERECHO DE PETICION ANTE ENTIDADES PUBLICAS-Deber de dar respuesta sobre inquietudes de relaci\u00f3n de trabajo \u00a0 ACCION DE TUTELA-Procedencia excepcional pago de acreencias laborales \u00a0 DERECHO AL MINIMO VITAL DEL TRABAJADOR-Presunci\u00f3n de afectaci\u00f3n por ausencia prolongada en pago de salarios \u00a0 EMPLEADOR-Asunci\u00f3n de responsabilidad por mora en aportes en seguridad social \u00a0 Referencia: expediente T-243206 \u00a0 Acci\u00f3n de tutela instaurada por Sandra Liliana Mart\u00ednez Vega contra el Fondo Mixto para la promoci\u00f3n de la Cultura y las Artes de Santander \u00a0 Magistrado Ponente: \u00a0 Dr. JOS\u00c9 GREGORIO HERN\u00c1NDEZ GALINDO \u00a0 Aprobada en Santa Fe de ...<br \/><div class=\"pt-cv-rmwrap\"><a href=\"https:\/\/www.dmsjuridica.com\/buscador_20179478954\/corteconstitucionalcronologico202454587\/t-076-00\/\" class=\"_self pt-cv-readmore btn btn-success\" target=\"_self\">Ver Sentencia Completa...<\/a><\/div><\/div><\/div><\/div>\n<div class=\"col-md-12 col-sm-12 col-xs-12 pt-cv-content-item pt-cv-1-col\" ><div class='pt-cv-ifield'><a href=\"https:\/\/www.dmsjuridica.com\/buscador_20179478954\/corteconstitucionalcronologico202454587\/t-075-00\/\" class=\"_self pt-cv-href-thumbnail pt-cv-thumb-default\" target=\"_self\" ><\/a>\n<div class=\"pt-cv-taxoterm above_title\"><a href='https:\/\/www.dmsjuridica.com\/buscador_20179478954\/corteconstitucionalcronologico202454587\/category\/buscar-en-toda-la-corte\/2000\/tutelas-2000\/' title='Tutelas 2000' class='pt-cv-tax-tutelas-2000'>Tutelas 2000<\/a><\/div>\n<h4 class=\"pt-cv-title\"><a href=\"https:\/\/www.dmsjuridica.com\/buscador_20179478954\/corteconstitucionalcronologico202454587\/t-075-00\/\" class=\"_self\" target=\"_self\" >T-075-00<\/a><\/h4>\n<div class=\"pt-cv-content\">\u00a0 \u00a0 Sentencia T-075\/00 \u00a0 ACCION DE TUTELA-Procedencia excepcional pago de acreencias laborales \u00a0 Referencia: expediente T-255557 \u00a0 Acci\u00f3n de tutela instaurada por Gabriela Nieves Quiroga contra El Hospital San Juan De Dios De V\u00e9lez \u00a0 Magistrado Ponente: \u00a0 Dr. JOS\u00c9 GREGORIO HERN\u00c1NDEZ GALINDO \u00a0 Santa Fe de Bogot\u00e1, D.C., veintiocho (28) de enero de dos mil (2000). \u00a0 La Sala Quinta de Revisi\u00f3n de la Corte Constitucional, en ejercicio de sus competencias constitucionales y legales, espec\u00edficamente las previstas en los art\u00edculos 86 y 241, numeral 9, de la Constituci\u00f3n Pol\u00edtica y en el Decreto 2591 de 1991, ha proferido ...<br \/><div class=\"pt-cv-rmwrap\"><a href=\"https:\/\/www.dmsjuridica.com\/buscador_20179478954\/corteconstitucionalcronologico202454587\/t-075-00\/\" class=\"_self pt-cv-readmore btn btn-success\" target=\"_self\">Ver Sentencia Completa...<\/a><\/div><\/div><\/div><\/div>\n<div class=\"col-md-12 col-sm-12 col-xs-12 pt-cv-content-item pt-cv-1-col\" ><div class='pt-cv-ifield'><a href=\"https:\/\/www.dmsjuridica.com\/buscador_20179478954\/corteconstitucionalcronologico202454587\/t-074-00\/\" class=\"_self pt-cv-href-thumbnail pt-cv-thumb-default\" target=\"_self\" ><\/a>\n<div class=\"pt-cv-taxoterm above_title\"><a href='https:\/\/www.dmsjuridica.com\/buscador_20179478954\/corteconstitucionalcronologico202454587\/category\/buscar-en-toda-la-corte\/2000\/tutelas-2000\/' title='Tutelas 2000' class='pt-cv-tax-tutelas-2000'>Tutelas 2000<\/a><\/div>\n<h4 class=\"pt-cv-title\"><a href=\"https:\/\/www.dmsjuridica.com\/buscador_20179478954\/corteconstitucionalcronologico202454587\/t-074-00\/\" class=\"_self\" target=\"_self\" >T-074-00<\/a><\/h4>\n<div class=\"pt-cv-content\">\u00a0 \u00a0 Sentencia T-074\/00 \u00a0 ACCION DE TUTELA-Procedencia excepcional pago de acreencias laborales \u00a0 Referencia: expedientes acumulados T-245219, T-245220 y T-242762 \u00a0 Acciones de tutela incoadas por Jos\u00e9 Ezequiel Cartagena Londo\u00f1o, Jorge Fl\u00f3rez Enciso y Julio Roberto Castellanos Guzm\u00e1n \u00a0 Magistrado Ponente: \u00a0 Dr. JOSE GREGORIO HERNANDEZ GALINDO\u00a0 \u00a0 Aprobada en Santa Fe de Bogot\u00e1 D.C., veintiocho (28) d\u00edas del mes de enero de dos mil (2000). \u00a0 La Sala Quinta de Revisi\u00f3n de la Corte Constitucional, en ejercicio de sus competencias constitucionales y legales, espec\u00edficamente las previstas en los art\u00edculos 86 y 241, numeral 9, de la Constituci\u00f3n Pol\u00edtica ...<br \/><div class=\"pt-cv-rmwrap\"><a href=\"https:\/\/www.dmsjuridica.com\/buscador_20179478954\/corteconstitucionalcronologico202454587\/t-074-00\/\" class=\"_self pt-cv-readmore btn btn-success\" target=\"_self\">Ver Sentencia Completa...<\/a><\/div><\/div><\/div><\/div>\n<div class=\"col-md-12 col-sm-12 col-xs-12 pt-cv-content-item pt-cv-1-col\" ><div class='pt-cv-ifield'><a href=\"https:\/\/www.dmsjuridica.com\/buscador_20179478954\/corteconstitucionalcronologico202454587\/t-073-00\/\" class=\"_self pt-cv-href-thumbnail pt-cv-thumb-default\" target=\"_self\" ><\/a>\n<div class=\"pt-cv-taxoterm above_title\"><a href='https:\/\/www.dmsjuridica.com\/buscador_20179478954\/corteconstitucionalcronologico202454587\/category\/buscar-en-toda-la-corte\/2000\/tutelas-2000\/' title='Tutelas 2000' class='pt-cv-tax-tutelas-2000'>Tutelas 2000<\/a><\/div>\n<h4 class=\"pt-cv-title\"><a href=\"https:\/\/www.dmsjuridica.com\/buscador_20179478954\/corteconstitucionalcronologico202454587\/t-073-00\/\" class=\"_self\" target=\"_self\" >T-073-00<\/a><\/h4>\n<div class=\"pt-cv-content\">\u00a0 \u00a0 Sentencia T-073\/00 \u00a0 ACCION DE TUTELA-Procedencia excepcional pago de acreencias laborales\/ACCION DE TUTELA-Carencia actual de objeto \u00a0 Referencia: expediente T-247207 \u00a0 Acci\u00f3n de tutela instaurada por Rafael Hern\u00e1ndez Puello contra la Industria Licorera de Bol\u00edvar \u00a0 Magistrado Ponente: \u00a0 Dr. JOS\u00c9 GREGORIO HERN\u00c1NDEZ GALINDO \u00a0 Santa Fe de Bogot\u00e1, D.C., veintiocho (28) de enero de dos mil (2000). \u00a0 La Sala Quinta de Revisi\u00f3n de la Corte Constitucional, en ejercicio de sus competencias constitucionales y legales, espec\u00edficamente las previstas en los art\u00edculos 86 y 241, numeral 9, de la Constituci\u00f3n Pol\u00edtica y en el Decreto 2591 de 1991, ...<br \/><div class=\"pt-cv-rmwrap\"><a href=\"https:\/\/www.dmsjuridica.com\/buscador_20179478954\/corteconstitucionalcronologico202454587\/t-073-00\/\" class=\"_self pt-cv-readmore btn btn-success\" target=\"_self\">Ver Sentencia Completa...<\/a><\/div><\/div><\/div><\/div>\n<div class=\"col-md-12 col-sm-12 col-xs-12 pt-cv-content-item pt-cv-1-col\" ><div class='pt-cv-ifield'><a href=\"https:\/\/www.dmsjuridica.com\/buscador_20179478954\/corteconstitucionalcronologico202454587\/t-072-00\/\" class=\"_self pt-cv-href-thumbnail pt-cv-thumb-default\" target=\"_self\" ><\/a>\n<div class=\"pt-cv-taxoterm above_title\"><a href='https:\/\/www.dmsjuridica.com\/buscador_20179478954\/corteconstitucionalcronologico202454587\/category\/buscar-en-toda-la-corte\/2000\/tutelas-2000\/' title='Tutelas 2000' class='pt-cv-tax-tutelas-2000'>Tutelas 2000<\/a><\/div>\n<h4 class=\"pt-cv-title\"><a href=\"https:\/\/www.dmsjuridica.com\/buscador_20179478954\/corteconstitucionalcronologico202454587\/t-072-00\/\" class=\"_self\" target=\"_self\" >T-072-00<\/a><\/h4>\n<div class=\"pt-cv-content\">\u00a0 \u00a0 Sentencia T-072\/00 \u00a0 ACCION DE TUTELA-Procedencia excepcional pago de acreencias laborales \u00a0 Referencia: expediente T-246896 \u00a0 Acci\u00f3n de tutela incoada por Nubia Stella C\u00f3rdoba contra el \"Hospital Mario Correa Rengifo\". \u00a0 Magistrado Ponente: \u00a0 Dr. JOSE GREGORIO HERNANDEZ GALINDO\u00a0 \u00a0 Aprobada en Santa Fe de Bogot\u00e1, D.C., a los veintiocho (28) d\u00edas del mes de enero de dos mil (2000). \u00a0 La Sala Quinta de Revisi\u00f3n de la Corte Constitucional, en ejercicio de sus competencias constitucionales y legales, espec\u00edficamente las previstas en los art\u00edculos 86 y 241, numeral 9, de la Constituci\u00f3n Pol\u00edtica y en el Decreto 2591 ...<br \/><div class=\"pt-cv-rmwrap\"><a href=\"https:\/\/www.dmsjuridica.com\/buscador_20179478954\/corteconstitucionalcronologico202454587\/t-072-00\/\" class=\"_self pt-cv-readmore btn btn-success\" target=\"_self\">Ver Sentencia Completa...<\/a><\/div><\/div><\/div><\/div>\n<div class=\"col-md-12 col-sm-12 col-xs-12 pt-cv-content-item pt-cv-1-col\" ><div class='pt-cv-ifield'><a href=\"https:\/\/www.dmsjuridica.com\/buscador_20179478954\/corteconstitucionalcronologico202454587\/t-071-00\/\" class=\"_self pt-cv-href-thumbnail pt-cv-thumb-default\" target=\"_self\" ><\/a>\n<div class=\"pt-cv-taxoterm above_title\"><a href='https:\/\/www.dmsjuridica.com\/buscador_20179478954\/corteconstitucionalcronologico202454587\/category\/buscar-en-toda-la-corte\/2000\/tutelas-2000\/' title='Tutelas 2000' class='pt-cv-tax-tutelas-2000'>Tutelas 2000<\/a><\/div>\n<h4 class=\"pt-cv-title\"><a href=\"https:\/\/www.dmsjuridica.com\/buscador_20179478954\/corteconstitucionalcronologico202454587\/t-071-00\/\" class=\"_self\" target=\"_self\" >T-071-00<\/a><\/h4>\n<div class=\"pt-cv-content\">\u00a0 \u00a0 Sentencia T-071\/00 \u00a0 ACCION DE TUTELA-Procedencia excepcional pago de acreencias laborales \u00a0 Referencia: expediente T-246770 \u00a0 Acci\u00f3n de tutela instaurada por Nurys Herrera De Cantillo contra la Industria Licorera del Magdalena y el Gobernador del Magdalena \u00a0 Magistrado Ponente: \u00a0 Dr. JOS\u00c9 GREGORIO HERN\u00c1NDEZ GALINDO \u00a0 Aprobada en Santa Fe de Bogot\u00e1, D.C., a los veintiocho (28) d\u00edas del mes de enero de dos mil (2000). \u00a0 La Sala Quinta de Revisi\u00f3n de la Corte Constitucional, en ejercicio de sus competencias constitucionales y legales, en especial las previstas en los art\u00edculos 86, 241-9 de la Constituci\u00f3n Pol\u00edtica y ...<br \/><div class=\"pt-cv-rmwrap\"><a href=\"https:\/\/www.dmsjuridica.com\/buscador_20179478954\/corteconstitucionalcronologico202454587\/t-071-00\/\" class=\"_self pt-cv-readmore btn btn-success\" target=\"_self\">Ver Sentencia Completa...<\/a><\/div><\/div><\/div><\/div>\n<div class=\"col-md-12 col-sm-12 col-xs-12 pt-cv-content-item pt-cv-1-col\" ><div class='pt-cv-ifield'><a href=\"https:\/\/www.dmsjuridica.com\/buscador_20179478954\/corteconstitucionalcronologico202454587\/t-070-00\/\" class=\"_self pt-cv-href-thumbnail pt-cv-thumb-default\" target=\"_self\" ><\/a>\n<div class=\"pt-cv-taxoterm above_title\"><a href='https:\/\/www.dmsjuridica.com\/buscador_20179478954\/corteconstitucionalcronologico202454587\/category\/buscar-en-toda-la-corte\/2000\/tutelas-2000\/' title='Tutelas 2000' class='pt-cv-tax-tutelas-2000'>Tutelas 2000<\/a><\/div>\n<h4 class=\"pt-cv-title\"><a href=\"https:\/\/www.dmsjuridica.com\/buscador_20179478954\/corteconstitucionalcronologico202454587\/t-070-00\/\" class=\"_self\" target=\"_self\" >T-070-00<\/a><\/h4>\n<div class=\"pt-cv-content\">\u00a0 \u00a0 Sentencia T-070\/00 \u00a0 ACCION DE TUTELA-Procedencia excepcional pago de acreencias laborales \u00a0 Referencia: expedientes T-246775, 249785 y 250869 \u00a0 Acciones de tutela instauradas por Augusto Mendoza Pinedo, Eladio Jose Correa Silva y Gustavo Pertuz Pabon, contra el Hospital \"Julio Mendez Barreneche\". \u00a0 Magistrado Ponente: \u00a0 Dr. JOSE GREGORIO HERNANDEZ GALINDO \u00a0 Aprobada en Santa Fe de Bogot\u00e1, D.C., veintiocho (28) de enero de dos mil (2000). \u00a0 La Sala Quinta de Revisi\u00f3n de la Corte Constitucional, en ejercicio de sus competencias constitucionales y legales, \u00a0espec\u00edficamente las previstas en los art\u00edculos 86 y 241, numeral 9, de la Constituci\u00f3n ...<br \/><div class=\"pt-cv-rmwrap\"><a href=\"https:\/\/www.dmsjuridica.com\/buscador_20179478954\/corteconstitucionalcronologico202454587\/t-070-00\/\" class=\"_self pt-cv-readmore btn btn-success\" target=\"_self\">Ver Sentencia Completa...<\/a><\/div><\/div><\/div><\/div>\n<div class=\"col-md-12 col-sm-12 col-xs-12 pt-cv-content-item pt-cv-1-col\" ><div class='pt-cv-ifield'><a href=\"https:\/\/www.dmsjuridica.com\/buscador_20179478954\/corteconstitucionalcronologico202454587\/t-069-00\/\" class=\"_self pt-cv-href-thumbnail pt-cv-thumb-default\" target=\"_self\" ><\/a>\n<div class=\"pt-cv-taxoterm above_title\"><a href='https:\/\/www.dmsjuridica.com\/buscador_20179478954\/corteconstitucionalcronologico202454587\/category\/buscar-en-toda-la-corte\/2000\/tutelas-2000\/' title='Tutelas 2000' class='pt-cv-tax-tutelas-2000'>Tutelas 2000<\/a><\/div>\n<h4 class=\"pt-cv-title\"><a href=\"https:\/\/www.dmsjuridica.com\/buscador_20179478954\/corteconstitucionalcronologico202454587\/t-069-00\/\" class=\"_self\" target=\"_self\" >T-069-00<\/a><\/h4>\n<div class=\"pt-cv-content\">\u00a0 \u00a0 Sentencia T-069\/00 \u00a0 INCAPACIDAD LABORAL-Mora en la definici\u00f3n sobre el grado\/AUXILIAR BACHILLER-Accidente fuera de servicio \u00a0 La falta de definici\u00f3n sobre la p\u00e9rdida de la capacidad para trabajar del demandante, viola el derecho al debido proceso administrativo, y repercute tambi\u00e9n en sus derechos a la salud y al trabajo. En efecto, en el caso sub examine,\u00a0 el \u00f3rgano que tiene a su cargo la toma de decisi\u00f3n sobre lo antes indicado, dej\u00f3 sin resolver un asunto que compromete la situaci\u00f3n laboral del peticionario. En consecuencia, se conceder\u00e1 la tutela y se ordenar\u00e1 a la instituci\u00f3n demandada que, de ...<br \/><div class=\"pt-cv-rmwrap\"><a href=\"https:\/\/www.dmsjuridica.com\/buscador_20179478954\/corteconstitucionalcronologico202454587\/t-069-00\/\" class=\"_self pt-cv-readmore btn btn-success\" target=\"_self\">Ver Sentencia Completa...<\/a><\/div><\/div><\/div><\/div>\n<div class=\"col-md-12 col-sm-12 col-xs-12 pt-cv-content-item pt-cv-1-col\" ><div class='pt-cv-ifield'><a href=\"https:\/\/www.dmsjuridica.com\/buscador_20179478954\/corteconstitucionalcronologico202454587\/t-068-00\/\" class=\"_self pt-cv-href-thumbnail pt-cv-thumb-default\" target=\"_self\" ><\/a>\n<div class=\"pt-cv-taxoterm above_title\"><a href='https:\/\/www.dmsjuridica.com\/buscador_20179478954\/corteconstitucionalcronologico202454587\/category\/buscar-en-toda-la-corte\/2000\/tutelas-2000\/' title='Tutelas 2000' class='pt-cv-tax-tutelas-2000'>Tutelas 2000<\/a><\/div>\n<h4 class=\"pt-cv-title\"><a href=\"https:\/\/www.dmsjuridica.com\/buscador_20179478954\/corteconstitucionalcronologico202454587\/t-068-00\/\" class=\"_self\" target=\"_self\" >T-068-00<\/a><\/h4>\n<div class=\"pt-cv-content\">\u00a0 \u00a0 Sentencia T-068\/00 \u00a0 SENTENCIA DE REVISION DE TUTELA-Interpretaci\u00f3n aut\u00e9ntica de la preceptiva fundamental\/SENTENCIA DE REVISION DE TUTELA-Doble aspecto \u00a0 Las sentencias de revisi\u00f3n que dicta la Corte Constitucional no pueden equipararse a las que profieren los jueces cuando resuelven sobre la demanda de tutela en concreto o acerca de la impugnaci\u00f3n presentada contra el fallo de primer grado, sino que, por la naturaleza misma de la autoridad que la Constituci\u00f3n le confiere en punto a la guarda de su integridad y supremac\u00eda, incorporan un valor agregado de amplio espectro, relativo a la interpretaci\u00f3n aut\u00e9ntica de la preceptiva fundamental ...<br \/><div class=\"pt-cv-rmwrap\"><a href=\"https:\/\/www.dmsjuridica.com\/buscador_20179478954\/corteconstitucionalcronologico202454587\/t-068-00\/\" class=\"_self pt-cv-readmore btn btn-success\" target=\"_self\">Ver Sentencia Completa...<\/a><\/div><\/div><\/div><\/div>\n<div class=\"col-md-12 col-sm-12 col-xs-12 pt-cv-content-item pt-cv-1-col\" ><div class='pt-cv-ifield'><a href=\"https:\/\/www.dmsjuridica.com\/buscador_20179478954\/corteconstitucionalcronologico202454587\/t-067-00\/\" class=\"_self pt-cv-href-thumbnail pt-cv-thumb-default\" target=\"_self\" ><\/a>\n<div class=\"pt-cv-taxoterm above_title\"><a href='https:\/\/www.dmsjuridica.com\/buscador_20179478954\/corteconstitucionalcronologico202454587\/category\/buscar-en-toda-la-corte\/2000\/tutelas-2000\/' title='Tutelas 2000' class='pt-cv-tax-tutelas-2000'>Tutelas 2000<\/a><\/div>\n<h4 class=\"pt-cv-title\"><a href=\"https:\/\/www.dmsjuridica.com\/buscador_20179478954\/corteconstitucionalcronologico202454587\/t-067-00\/\" class=\"_self\" target=\"_self\" >T-067-00<\/a><\/h4>\n<div class=\"pt-cv-content\">\u00a0 \u00a0 Sentencia T-067\/00 \u00a0 ACCION DE TUTELA-Procedencia excepcional pago de acreencias laborales\/ACCION DE TUTELA TEMERARIA-Inexistencia por solicitar pago de salarios de otros periodos \u00a0 Referencia: expediente T-241718 \u00a0 Acci\u00f3n de tutela instaurada por Alicia Nelly Castro Guerrero contra el Gobernador del Departamento de Nari\u00f1o \u00a0 Magistrado Ponente: \u00a0 Dr. JOSE GREGORIO HERNANDEZ GALINDO \u00a0 Aprobada en Santa Fe de Bogot\u00e1, D.C., a los veintiocho (28) d\u00edas del mes de enero de dos mil (2000). \u00a0 La Sala Quinta de Revisi\u00f3n de la Corte Constitucional, en ejercicio de sus competencias constitucionales y legales, en especial las previstas en los art\u00edculos ...<br \/><div class=\"pt-cv-rmwrap\"><a href=\"https:\/\/www.dmsjuridica.com\/buscador_20179478954\/corteconstitucionalcronologico202454587\/t-067-00\/\" class=\"_self pt-cv-readmore btn btn-success\" target=\"_self\">Ver Sentencia Completa...<\/a><\/div><\/div><\/div><\/div>\n<div class=\"col-md-12 col-sm-12 col-xs-12 pt-cv-content-item pt-cv-1-col\" ><div class='pt-cv-ifield'><a href=\"https:\/\/www.dmsjuridica.com\/buscador_20179478954\/corteconstitucionalcronologico202454587\/t-066-00\/\" class=\"_self pt-cv-href-thumbnail pt-cv-thumb-default\" target=\"_self\" ><\/a>\n<div class=\"pt-cv-taxoterm above_title\"><a href='https:\/\/www.dmsjuridica.com\/buscador_20179478954\/corteconstitucionalcronologico202454587\/category\/buscar-en-toda-la-corte\/2000\/tutelas-2000\/' title='Tutelas 2000' class='pt-cv-tax-tutelas-2000'>Tutelas 2000<\/a><\/div>\n<h4 class=\"pt-cv-title\"><a href=\"https:\/\/www.dmsjuridica.com\/buscador_20179478954\/corteconstitucionalcronologico202454587\/t-066-00\/\" class=\"_self\" target=\"_self\" >T-066-00<\/a><\/h4>\n<div class=\"pt-cv-content\">\u00a0 \u00a0 Sentencia T-066\/00 \u00a0 ENFERMO DE SIDA-No se acredita desprotecci\u00f3n en salud\/CONTRATO DE TRABAJO-Terminaci\u00f3n por conducta negligente y omisiva\/CONTRATO DE TRABAJO-No demostraci\u00f3n que terminaci\u00f3n la motiv\u00f3 ser portadora de virus del sida \u00a0 No puede la Corte Constitucional acceder a la pretensi\u00f3n de la actora, en raz\u00f3n de que a pesar de la situaci\u00f3n de debilidad manifiesta en que se encuentra debido a su precario estado de salud, no fue esa la consideraci\u00f3n del empleador para dar por terminado el contrato de trabajo, al contrario, como lo aduce el accionado y no lo niega la demandante, fue su actitud ...<br \/><div class=\"pt-cv-rmwrap\"><a href=\"https:\/\/www.dmsjuridica.com\/buscador_20179478954\/corteconstitucionalcronologico202454587\/t-066-00\/\" class=\"_self pt-cv-readmore btn btn-success\" target=\"_self\">Ver Sentencia Completa...<\/a><\/div><\/div><\/div><\/div>\n<div class=\"col-md-12 col-sm-12 col-xs-12 pt-cv-content-item pt-cv-1-col\" ><div class='pt-cv-ifield'><a href=\"https:\/\/www.dmsjuridica.com\/buscador_20179478954\/corteconstitucionalcronologico202454587\/t-065-00\/\" class=\"_self pt-cv-href-thumbnail pt-cv-thumb-default\" target=\"_self\" ><\/a>\n<div class=\"pt-cv-taxoterm above_title\"><a href='https:\/\/www.dmsjuridica.com\/buscador_20179478954\/corteconstitucionalcronologico202454587\/category\/buscar-en-toda-la-corte\/2000\/tutelas-2000\/' title='Tutelas 2000' class='pt-cv-tax-tutelas-2000'>Tutelas 2000<\/a><\/div>\n<h4 class=\"pt-cv-title\"><a href=\"https:\/\/www.dmsjuridica.com\/buscador_20179478954\/corteconstitucionalcronologico202454587\/t-065-00\/\" class=\"_self\" target=\"_self\" >T-065-00<\/a><\/h4>\n<div class=\"pt-cv-content\">\u00a0 \u00a0 Sentencia T-065\/00 \u00a0 COMPENSACION DE DEUDAS EN PROCESOS DE LIQUIDACION DE ENTIDADES FINANCIERAS-Prohibici\u00f3n \u00a0 Es claro que, a trav\u00e9s de la acci\u00f3n de tutela, mecanismo subsidiario y excepcional de protecci\u00f3n de los derechos fundamentales, no podr\u00eda desconocerse el prop\u00f3sito que tiene la prohibici\u00f3n que el legislador ha impuesto en relaci\u00f3n con la improcedencia de la compensaci\u00f3n de deudas en el tr\u00e1mite de toma de posesi\u00f3n con fines liquidatorios, cual es la prevalencia del derecho a la igualdad y del debido proceso entre los acreedores. Significa lo anterior que el juez de tutela, en principio, no tendr\u00eda la competencia ...<br \/><div class=\"pt-cv-rmwrap\"><a href=\"https:\/\/www.dmsjuridica.com\/buscador_20179478954\/corteconstitucionalcronologico202454587\/t-065-00\/\" class=\"_self pt-cv-readmore btn btn-success\" target=\"_self\">Ver Sentencia Completa...<\/a><\/div><\/div><\/div><\/div>\n<div class=\"col-md-12 col-sm-12 col-xs-12 pt-cv-content-item pt-cv-1-col\" ><div class='pt-cv-ifield'><a href=\"https:\/\/www.dmsjuridica.com\/buscador_20179478954\/corteconstitucionalcronologico202454587\/t-064-00\/\" class=\"_self pt-cv-href-thumbnail pt-cv-thumb-default\" target=\"_self\" ><\/a>\n<div class=\"pt-cv-taxoterm above_title\"><a href='https:\/\/www.dmsjuridica.com\/buscador_20179478954\/corteconstitucionalcronologico202454587\/category\/buscar-en-toda-la-corte\/2000\/tutelas-2000\/' title='Tutelas 2000' class='pt-cv-tax-tutelas-2000'>Tutelas 2000<\/a><\/div>\n<h4 class=\"pt-cv-title\"><a href=\"https:\/\/www.dmsjuridica.com\/buscador_20179478954\/corteconstitucionalcronologico202454587\/t-064-00\/\" class=\"_self\" target=\"_self\" >T-064-00<\/a><\/h4>\n<div class=\"pt-cv-content\">\u00a0 \u00a0 Sentencia T-064\/00 \u00a0 El derecho de petici\u00f3n elevado por el actor no fue debidamente contestado, vulner\u00e1ndose por tanto el derecho fundamental del demandante, como quiera que con la respuesta dada por la empresa demandada no se cumple con la finalidad que se persigue con el ejercicio del derecho de petici\u00f3n, es decir, que cualquiera que \u00e9sta sea, afirmativa o negativa, le permita al peticionario tener claridad sobre el derecho que reclama, de manera tal que pueda determinar la soluci\u00f3n jur\u00eddica que corresponda. \u00a0 REGIMENES LABORALES ALTERNATIVOS-Opci\u00f3n no puede sancionarse \u00a0 Referencia: expediente T-259030 \u00a0 Peticionario: \u00a0Marco Tulio Orozco ...<br \/><div class=\"pt-cv-rmwrap\"><a href=\"https:\/\/www.dmsjuridica.com\/buscador_20179478954\/corteconstitucionalcronologico202454587\/t-064-00\/\" class=\"_self pt-cv-readmore btn btn-success\" target=\"_self\">Ver Sentencia Completa...<\/a><\/div><\/div><\/div><\/div>\n<div class=\"col-md-12 col-sm-12 col-xs-12 pt-cv-content-item pt-cv-1-col\" ><div class='pt-cv-ifield'><a href=\"https:\/\/www.dmsjuridica.com\/buscador_20179478954\/corteconstitucionalcronologico202454587\/t-063-00\/\" class=\"_self pt-cv-href-thumbnail pt-cv-thumb-default\" target=\"_self\" ><\/a>\n<div class=\"pt-cv-taxoterm above_title\"><a href='https:\/\/www.dmsjuridica.com\/buscador_20179478954\/corteconstitucionalcronologico202454587\/category\/buscar-en-toda-la-corte\/2000\/tutelas-2000\/' title='Tutelas 2000' class='pt-cv-tax-tutelas-2000'>Tutelas 2000<\/a><\/div>\n<h4 class=\"pt-cv-title\"><a href=\"https:\/\/www.dmsjuridica.com\/buscador_20179478954\/corteconstitucionalcronologico202454587\/t-063-00\/\" class=\"_self\" target=\"_self\" >T-063-00<\/a><\/h4>\n<div class=\"pt-cv-content\">\u00a0 \u00a0 Sentencia T-063\/00 \u00a0 DERECHO DE PETICION EN CESANTIAS PARCIALES-Pronta resoluci\u00f3n y decisi\u00f3n de fondo \u00a0 El derecho a lo pedido hace alusi\u00f3n a aquel que se pretende defender, o cuyo reconocimiento se busca a trav\u00e9s del ejercicio del derecho de petici\u00f3n. El objeto de la solicitud, que no interesa para los fines de la garant\u00eda constitucional, en los t\u00e9rminos expuestos, tiene en cambio relevancia frente a la normatividad que regula el ejercicio de esos otros derechos, canalizados en su ejercicio por la v\u00eda de la solicitud elevada ante la autoridad competente. \u00a0 CESANTIAS PARCIALES-Reconocimiento no sujeto a disponibilidad ...<br \/><div class=\"pt-cv-rmwrap\"><a href=\"https:\/\/www.dmsjuridica.com\/buscador_20179478954\/corteconstitucionalcronologico202454587\/t-063-00\/\" class=\"_self pt-cv-readmore btn btn-success\" target=\"_self\">Ver Sentencia Completa...<\/a><\/div><\/div><\/div><\/div>\n<div class=\"col-md-12 col-sm-12 col-xs-12 pt-cv-content-item pt-cv-1-col\" ><div class='pt-cv-ifield'><a href=\"https:\/\/www.dmsjuridica.com\/buscador_20179478954\/corteconstitucionalcronologico202454587\/t-062-00\/\" class=\"_self pt-cv-href-thumbnail pt-cv-thumb-default\" target=\"_self\" ><\/a>\n<div class=\"pt-cv-taxoterm above_title\"><a href='https:\/\/www.dmsjuridica.com\/buscador_20179478954\/corteconstitucionalcronologico202454587\/category\/buscar-en-toda-la-corte\/2000\/tutelas-2000\/' title='Tutelas 2000' class='pt-cv-tax-tutelas-2000'>Tutelas 2000<\/a><\/div>\n<h4 class=\"pt-cv-title\"><a href=\"https:\/\/www.dmsjuridica.com\/buscador_20179478954\/corteconstitucionalcronologico202454587\/t-062-00\/\" class=\"_self\" target=\"_self\" >T-062-00<\/a><\/h4>\n<div class=\"pt-cv-content\">\u00a0 \u00a0 Sentencia T-062\/00 \u00a0 ACCION DE TUTELA-Procedencia excepcional pago de acreencias laborales \u00a0 Se conceder\u00e1 la tutela como mecanismo judicial id\u00f3neo para la protecci\u00f3n del derecho consagrado en el art\u00edculo 53 de la Constituci\u00f3n, a pesar de que el actor no se encuentra dentro del grupo de personas de la tercera edad, en cuanto su m\u00ednimo vital est\u00e1 afectado, su \u00fanico ingreso es la mesada pensional y adem\u00e1s presenta un estado de salud que le impide laborar. \u00a0 Referencia: expediente T-246972 \u00a0 Acci\u00f3n de tutela incoada por Armando Rafael Martinez Martinez contra la Gobernaci\u00f3n del Departamento de Bol\u00edvar \u00a0 ...<br \/><div class=\"pt-cv-rmwrap\"><a href=\"https:\/\/www.dmsjuridica.com\/buscador_20179478954\/corteconstitucionalcronologico202454587\/t-062-00\/\" class=\"_self pt-cv-readmore btn btn-success\" target=\"_self\">Ver Sentencia Completa...<\/a><\/div><\/div><\/div><\/div>\n<div class=\"col-md-12 col-sm-12 col-xs-12 pt-cv-content-item pt-cv-1-col\" ><div class='pt-cv-ifield'><a href=\"https:\/\/www.dmsjuridica.com\/buscador_20179478954\/corteconstitucionalcronologico202454587\/t-061-00\/\" class=\"_self pt-cv-href-thumbnail pt-cv-thumb-default\" target=\"_self\" ><\/a>\n<div class=\"pt-cv-taxoterm above_title\"><a href='https:\/\/www.dmsjuridica.com\/buscador_20179478954\/corteconstitucionalcronologico202454587\/category\/buscar-en-toda-la-corte\/2000\/tutelas-2000\/' title='Tutelas 2000' class='pt-cv-tax-tutelas-2000'>Tutelas 2000<\/a><\/div>\n<h4 class=\"pt-cv-title\"><a href=\"https:\/\/www.dmsjuridica.com\/buscador_20179478954\/corteconstitucionalcronologico202454587\/t-061-00\/\" class=\"_self\" target=\"_self\" >T-061-00<\/a><\/h4>\n<div class=\"pt-cv-content\">\u00a0 \u00a0 Sentencia T-061\/00 \u00a0 JUEZ DE TUTELA-No resuelve controversias que corresponden a la jurisdicci\u00f3n ordinaria\/ACCION DE TUTELA CONTRA ARRENDADOR-Improcedencia \u00a0 El conflicto planteado debe ser dirimido por la jurisdicci\u00f3n ordinaria, y aunque no se desconoce que la conducta asumida por la arrendataria merece reproche, por cuanto implica una arbitrariedad que causa da\u00f1o al inquilino, lo cierto es que no le corresponde al juez constitucional imponer las sanciones del caso ni aplicar condena pecuniaria alguna, pues invadir\u00eda competencias ajenas, desnaturalizando as\u00ed el excepcional mecanismo de protecci\u00f3n de derechos fundamentales. \u00a0 Referencia: expediente T-246552 \u00a0 Acci\u00f3n de tutela incoada por Jos\u00e9 ...<br \/><div class=\"pt-cv-rmwrap\"><a href=\"https:\/\/www.dmsjuridica.com\/buscador_20179478954\/corteconstitucionalcronologico202454587\/t-061-00\/\" class=\"_self pt-cv-readmore btn btn-success\" target=\"_self\">Ver Sentencia Completa...<\/a><\/div><\/div><\/div><\/div>\n<div class=\"col-md-12 col-sm-12 col-xs-12 pt-cv-content-item pt-cv-1-col\" ><div class='pt-cv-ifield'><a href=\"https:\/\/www.dmsjuridica.com\/buscador_20179478954\/corteconstitucionalcronologico202454587\/t-060-00\/\" class=\"_self pt-cv-href-thumbnail pt-cv-thumb-default\" target=\"_self\" ><\/a>\n<div class=\"pt-cv-taxoterm above_title\"><a href='https:\/\/www.dmsjuridica.com\/buscador_20179478954\/corteconstitucionalcronologico202454587\/category\/buscar-en-toda-la-corte\/2000\/tutelas-2000\/' title='Tutelas 2000' class='pt-cv-tax-tutelas-2000'>Tutelas 2000<\/a><\/div>\n<h4 class=\"pt-cv-title\"><a href=\"https:\/\/www.dmsjuridica.com\/buscador_20179478954\/corteconstitucionalcronologico202454587\/t-060-00\/\" class=\"_self\" target=\"_self\" >T-060-00<\/a><\/h4>\n<div class=\"pt-cv-content\">\u00a0 \u00a0 Sentencia T-060\/00 \u00a0 EMPLEADOR-Responsabilidad por no descuento y giro de aportes en salud \u00a0 La Sala Plena de esta Corporaci\u00f3n unific\u00f3 la jurisprudencia en el caso de la mora en el pago de los aportes para seguridad social y salud, y reafirm\u00f3 su doctrina seg\u00fan la cual, cuando el empleador no paga los aportes respectivos a las empresas que prestan dichos servicios, debe asumir directamente los riesgos causados por su comportamiento omisivo y negligente, quedando obligado en consecuencia a prestar el servicio de salud durante el tiempo que perdure la mora. Lo anterior, por cuanto los trabajadores no ...<br \/><div class=\"pt-cv-rmwrap\"><a href=\"https:\/\/www.dmsjuridica.com\/buscador_20179478954\/corteconstitucionalcronologico202454587\/t-060-00\/\" class=\"_self pt-cv-readmore btn btn-success\" target=\"_self\">Ver Sentencia Completa...<\/a><\/div><\/div><\/div><\/div>\n<div class=\"col-md-12 col-sm-12 col-xs-12 pt-cv-content-item pt-cv-1-col\" ><div class='pt-cv-ifield'><a href=\"https:\/\/www.dmsjuridica.com\/buscador_20179478954\/corteconstitucionalcronologico202454587\/t-059-00\/\" class=\"_self pt-cv-href-thumbnail pt-cv-thumb-default\" target=\"_self\" ><\/a>\n<div class=\"pt-cv-taxoterm above_title\"><a href='https:\/\/www.dmsjuridica.com\/buscador_20179478954\/corteconstitucionalcronologico202454587\/category\/buscar-en-toda-la-corte\/2000\/tutelas-2000\/' title='Tutelas 2000' class='pt-cv-tax-tutelas-2000'>Tutelas 2000<\/a><\/div>\n<h4 class=\"pt-cv-title\"><a href=\"https:\/\/www.dmsjuridica.com\/buscador_20179478954\/corteconstitucionalcronologico202454587\/t-059-00\/\" class=\"_self\" target=\"_self\" >T-059-00<\/a><\/h4>\n<div class=\"pt-cv-content\">INCUMPLIMIENTO DE FALLO LABORAL SOBRE PENSION SANCION\u00ad-Procedencia de tutela \u00a0 Para la Corte resulta inadmisible que un patrono condenado por la justicia a pagar una pensi\u00f3n sanci\u00f3n desconozca en la pr\u00e1ctica la orden perentoria impartida en el fallo e ignore de manera flagrante sus propias obligaciones laborales, con el consiguiente perjuicio para los derechos fundamentales de su ex-empleado. No cabe duda de que el incumplimiento de fallos judiciales, que deber\u00edan encontrarse en cabal y oportuna ejecuci\u00f3n, agrava la situaci\u00f3n del patrono incumplido cuando contra \u00e9l se ha iniciado un proceso como el que ahora se tramita, y hace mucho m\u00e1s ...<br \/><div class=\"pt-cv-rmwrap\"><a href=\"https:\/\/www.dmsjuridica.com\/buscador_20179478954\/corteconstitucionalcronologico202454587\/t-059-00\/\" class=\"_self pt-cv-readmore btn btn-success\" target=\"_self\">Ver Sentencia Completa...<\/a><\/div><\/div><\/div><\/div>\n<div class=\"col-md-12 col-sm-12 col-xs-12 pt-cv-content-item pt-cv-1-col\" ><div class='pt-cv-ifield'><a href=\"https:\/\/www.dmsjuridica.com\/buscador_20179478954\/corteconstitucionalcronologico202454587\/t-058-00\/\" class=\"_self pt-cv-href-thumbnail pt-cv-thumb-default\" target=\"_self\" ><\/a>\n<div class=\"pt-cv-taxoterm above_title\"><a href='https:\/\/www.dmsjuridica.com\/buscador_20179478954\/corteconstitucionalcronologico202454587\/category\/buscar-en-toda-la-corte\/2000\/tutelas-2000\/' title='Tutelas 2000' class='pt-cv-tax-tutelas-2000'>Tutelas 2000<\/a><\/div>\n<h4 class=\"pt-cv-title\"><a href=\"https:\/\/www.dmsjuridica.com\/buscador_20179478954\/corteconstitucionalcronologico202454587\/t-058-00\/\" class=\"_self\" target=\"_self\" >T-058-00<\/a><\/h4>\n<div class=\"pt-cv-content\">\u00a0 \u00a0 Sentencia T-058\/00 \u00a0 En el presente caso, la Corte estima que se configuran los elementos necesarios para que, en los mismos t\u00e9rminos descritos, se conceda el amparo constitucional: est\u00e1 probado que la demandante padece una enfermedad coronaria, de innegable gravedad y no cuenta con recursos para cubrir la parte del tratamiento que le corresponder\u00eda seg\u00fan la mencionada norma, lo que, siguiendo la jurisprudencia, obliga al Seguro Social a brindarle de manera inmediata la atenci\u00f3n que requiere y a prodigarle los tratamientos indispensables, para defender su vida, pudiendo repetir seg\u00fan lo dicho contra el Fosyga. \u00a0 Referencia: expediente T-245351 ...<br \/><div class=\"pt-cv-rmwrap\"><a href=\"https:\/\/www.dmsjuridica.com\/buscador_20179478954\/corteconstitucionalcronologico202454587\/t-058-00\/\" class=\"_self pt-cv-readmore btn btn-success\" target=\"_self\">Ver Sentencia Completa...<\/a><\/div><\/div><\/div><\/div>\n<div class=\"col-md-12 col-sm-12 col-xs-12 pt-cv-content-item pt-cv-1-col\" ><div class='pt-cv-ifield'><a href=\"https:\/\/www.dmsjuridica.com\/buscador_20179478954\/corteconstitucionalcronologico202454587\/t-057-00\/\" class=\"_self pt-cv-href-thumbnail pt-cv-thumb-default\" target=\"_self\" ><\/a>\n<div class=\"pt-cv-taxoterm above_title\"><a href='https:\/\/www.dmsjuridica.com\/buscador_20179478954\/corteconstitucionalcronologico202454587\/category\/buscar-en-toda-la-corte\/2000\/tutelas-2000\/' title='Tutelas 2000' class='pt-cv-tax-tutelas-2000'>Tutelas 2000<\/a><\/div>\n<h4 class=\"pt-cv-title\"><a href=\"https:\/\/www.dmsjuridica.com\/buscador_20179478954\/corteconstitucionalcronologico202454587\/t-057-00\/\" class=\"_self\" target=\"_self\" >T-057-00<\/a><\/h4>\n<div class=\"pt-cv-content\">\u00a0 \u00a0 Sentencia T-057\/00 \u00a0 ACCION DE TUTELA-Procedencia excepcional pago de acreencias laborales \u00a0 Acci\u00f3n de tutela instaurada por Carmenza Hurtado Castro contra el Hospital San Juan de Dios de Cali \u00a0 Magistrado Ponente: \u00a0 Dr. JOSE GREGORIO HERNANDEZ GALINDO \u00a0 Aprobada en Santa Fe de Bogot\u00e1, D.C., a los veintisiete (27) d\u00edas de enero de dos mil (2000). \u00a0 La Sala Quinta de Revisi\u00f3n de la Corte Constitucional, en ejercicio de sus competencias constitucionales y legales, espec\u00edficamente las previstas en los art\u00edculos 86 y 241, numeral 9, de la Constituci\u00f3n Pol\u00edtica y en el Decreto 2591 de 1991, ha ...<br \/><div class=\"pt-cv-rmwrap\"><a href=\"https:\/\/www.dmsjuridica.com\/buscador_20179478954\/corteconstitucionalcronologico202454587\/t-057-00\/\" class=\"_self pt-cv-readmore btn btn-success\" target=\"_self\">Ver Sentencia Completa...<\/a><\/div><\/div><\/div><\/div>\n<div class=\"col-md-12 col-sm-12 col-xs-12 pt-cv-content-item pt-cv-1-col\" ><div class='pt-cv-ifield'><a href=\"https:\/\/www.dmsjuridica.com\/buscador_20179478954\/corteconstitucionalcronologico202454587\/t-056-00\/\" class=\"_self pt-cv-href-thumbnail pt-cv-thumb-default\" target=\"_self\" ><\/a>\n<div class=\"pt-cv-taxoterm above_title\"><a href='https:\/\/www.dmsjuridica.com\/buscador_20179478954\/corteconstitucionalcronologico202454587\/category\/buscar-en-toda-la-corte\/2000\/tutelas-2000\/' title='Tutelas 2000' class='pt-cv-tax-tutelas-2000'>Tutelas 2000<\/a><\/div>\n<h4 class=\"pt-cv-title\"><a href=\"https:\/\/www.dmsjuridica.com\/buscador_20179478954\/corteconstitucionalcronologico202454587\/t-056-00\/\" class=\"_self\" target=\"_self\" >T-056-00<\/a><\/h4>\n<div class=\"pt-cv-content\">\u00a0 \u00a0 Sentencia T-056\/00 \u00a0 ACCION DE TUTELA CONTRA PARTICULARES-Procedencia excepcional\/ACCION DE TUTELA-Procedencia excepcional pago de acreencias laborales\/DERECHO AL MINIMO VITAL DEL TRABAJADOR-Pago oportuno de salarios\/CONCORDATO PREVENTIVO OBLIGATORIO-Pago preferente de salarios\/EMPLEADOR-Asunci\u00f3n de responsabilidad por mora en aportes a seguridad social \u00a0 Referencia: expediente T-245062 \u00a0 Acci\u00f3n de tutela incoada por Jos\u00e9 Oriol Herrera Castillo contra \"Editora Nacional de Colombia \u00a0Ltda. -EDINALCO-\". \u00a0 Magistrado Ponente: \u00a0 Dr. JOSE GREGORIO HERNANDEZ GALINDO\u00a0 \u00a0 Aprobada en Santa Fe de Bogot\u00e1, D.C., el veintisiete (27) de enero de dos mil (2000). \u00a0 La Sala Quinta de Revisi\u00f3n de la Corte Constitucional, en ejercicio de ...<br \/><div class=\"pt-cv-rmwrap\"><a href=\"https:\/\/www.dmsjuridica.com\/buscador_20179478954\/corteconstitucionalcronologico202454587\/t-056-00\/\" class=\"_self pt-cv-readmore btn btn-success\" target=\"_self\">Ver Sentencia Completa...<\/a><\/div><\/div><\/div><\/div>\n<div class=\"col-md-12 col-sm-12 col-xs-12 pt-cv-content-item pt-cv-1-col\" ><div class='pt-cv-ifield'><a href=\"https:\/\/www.dmsjuridica.com\/buscador_20179478954\/corteconstitucionalcronologico202454587\/t-055-00\/\" class=\"_self pt-cv-href-thumbnail pt-cv-thumb-default\" target=\"_self\" ><\/a>\n<div class=\"pt-cv-taxoterm above_title\"><a href='https:\/\/www.dmsjuridica.com\/buscador_20179478954\/corteconstitucionalcronologico202454587\/category\/buscar-en-toda-la-corte\/2000\/tutelas-2000\/' title='Tutelas 2000' class='pt-cv-tax-tutelas-2000'>Tutelas 2000<\/a><\/div>\n<h4 class=\"pt-cv-title\"><a href=\"https:\/\/www.dmsjuridica.com\/buscador_20179478954\/corteconstitucionalcronologico202454587\/t-055-00\/\" class=\"_self\" target=\"_self\" >T-055-00<\/a><\/h4>\n<div class=\"pt-cv-content\">\u00a0 \u00a0 Sentencia T-055\/00 \u00a0 ACCION DE TUTELA CONTRA PARTICULARES-Prestaci\u00f3n de servicio p\u00fablico de salud \u00a0 Procede la tutela en este caso, aun siendo privada la entidad asistencial contra la que se dirige, a partir del estado de subordinaci\u00f3n e indefensi\u00f3n en que se encuentran los trabajadores accionantes ante el Hospital Infantil Lorencita Villegas de Santos, y particularmente respecto de su Gerente Liquidador. \u00a0 ESTABLECIMIENTO HOSPITALARIO-Situaci\u00f3n econ\u00f3mica o presupuestal no es \u00f3bice para desconocer obligaciones laborales\/HOSPITAL LORENCITA VILLEGAS DE SANTOS-Pago de acreencias laborales \u00a0 La Sala estima que en este proceso se ha demostrado la palmaria violaci\u00f3n de derechos fundamentales ...<br \/><div class=\"pt-cv-rmwrap\"><a href=\"https:\/\/www.dmsjuridica.com\/buscador_20179478954\/corteconstitucionalcronologico202454587\/t-055-00\/\" class=\"_self pt-cv-readmore btn btn-success\" target=\"_self\">Ver Sentencia Completa...<\/a><\/div><\/div><\/div><\/div>\n<div class=\"col-md-12 col-sm-12 col-xs-12 pt-cv-content-item pt-cv-1-col\" ><div class='pt-cv-ifield'><a href=\"https:\/\/www.dmsjuridica.com\/buscador_20179478954\/corteconstitucionalcronologico202454587\/t-054-00\/\" class=\"_self pt-cv-href-thumbnail pt-cv-thumb-default\" target=\"_self\" ><\/a>\n<div class=\"pt-cv-taxoterm above_title\"><a href='https:\/\/www.dmsjuridica.com\/buscador_20179478954\/corteconstitucionalcronologico202454587\/category\/buscar-en-toda-la-corte\/2000\/tutelas-2000\/' title='Tutelas 2000' class='pt-cv-tax-tutelas-2000'>Tutelas 2000<\/a><\/div>\n<h4 class=\"pt-cv-title\"><a href=\"https:\/\/www.dmsjuridica.com\/buscador_20179478954\/corteconstitucionalcronologico202454587\/t-054-00\/\" class=\"_self\" target=\"_self\" >T-054-00<\/a><\/h4>\n<div class=\"pt-cv-content\">\u00a0 \u00a0 Sentencia T-054\/00 \u00a0 ACCION DE TUTELA-Improcedencia general pago de acreencias laborales \u00a0 La jurisprudencia ha sido enf\u00e1tica en se\u00f1alar que en principio la referida acci\u00f3n no es la adecuada para obtener el reconocimiento de acreencias laborales, cuando no est\u00e1 de por medio un perjuicio irremediable, pues para ello resultan procedentes las respectivas acciones ante la justicia ordinaria o la contencioso administrativa, seg\u00fan el caso, siendo especialmente renuente en admitirla como mecanismo para discutir la cuant\u00eda en la que tales acreencias laborales deben ser canceladas. \u00a0 ACCION DE TUTELA-Improcedencia para determinar r\u00e9gimen de liquidaci\u00f3n de cesant\u00edas \u00a0 El actor ...<br \/><div class=\"pt-cv-rmwrap\"><a href=\"https:\/\/www.dmsjuridica.com\/buscador_20179478954\/corteconstitucionalcronologico202454587\/t-054-00\/\" class=\"_self pt-cv-readmore btn btn-success\" target=\"_self\">Ver Sentencia Completa...<\/a><\/div><\/div><\/div><\/div>\n<div class=\"col-md-12 col-sm-12 col-xs-12 pt-cv-content-item pt-cv-1-col\" ><div class='pt-cv-ifield'><a href=\"https:\/\/www.dmsjuridica.com\/buscador_20179478954\/corteconstitucionalcronologico202454587\/t-053-00\/\" class=\"_self pt-cv-href-thumbnail pt-cv-thumb-default\" target=\"_self\" ><\/a>\n<div class=\"pt-cv-taxoterm above_title\"><a href='https:\/\/www.dmsjuridica.com\/buscador_20179478954\/corteconstitucionalcronologico202454587\/category\/buscar-en-toda-la-corte\/2000\/tutelas-2000\/' title='Tutelas 2000' class='pt-cv-tax-tutelas-2000'>Tutelas 2000<\/a><\/div>\n<h4 class=\"pt-cv-title\"><a href=\"https:\/\/www.dmsjuridica.com\/buscador_20179478954\/corteconstitucionalcronologico202454587\/t-053-00\/\" class=\"_self\" target=\"_self\" >T-053-00<\/a><\/h4>\n<div class=\"pt-cv-content\">\u00a0 \u00a0 Sentencia T-053\/00 \u00a0 ACCION DE TUTELA-Procedencia excepcional pago de acreencias laborales \u00a0 Referencia: expediente T-226180 \u00a0 Peticionario: Eida Eugenia Paz Portilla \u00a0 Magistrado Ponente: \u00a0 Dr. VLADIMIRO NARANJO MESA \u00a0 Santaf\u00e9 de Bogot\u00e1, D.C., veinticinco (25) de enero de dos mil (2000) \u00a0 La Sala Octava de Revisi\u00f3n de la Corte Constitucional, conformada por los Magistrados Vladimiro Naranjo Mesa - Presidente de la Sala -, Alvaro Tafur Galvis y Antonio Barrera Carbonell, ha pronunciado la siguiente Sentencia en el proceso de tutela de la referencia. \u00a0 I. ANTECEDENTES \u00a0 La \u00a0demandante, quien labora como secretaria para Asociaci\u00f3n de ...<br \/><div class=\"pt-cv-rmwrap\"><a href=\"https:\/\/www.dmsjuridica.com\/buscador_20179478954\/corteconstitucionalcronologico202454587\/t-053-00\/\" class=\"_self pt-cv-readmore btn btn-success\" target=\"_self\">Ver Sentencia Completa...<\/a><\/div><\/div><\/div><\/div>\n<div class=\"col-md-12 col-sm-12 col-xs-12 pt-cv-content-item pt-cv-1-col\" ><div class='pt-cv-ifield'><a href=\"https:\/\/www.dmsjuridica.com\/buscador_20179478954\/corteconstitucionalcronologico202454587\/t-052-00\/\" class=\"_self pt-cv-href-thumbnail pt-cv-thumb-default\" target=\"_self\" ><\/a>\n<div class=\"pt-cv-taxoterm above_title\"><a href='https:\/\/www.dmsjuridica.com\/buscador_20179478954\/corteconstitucionalcronologico202454587\/category\/buscar-en-toda-la-corte\/2000\/tutelas-2000\/' title='Tutelas 2000' class='pt-cv-tax-tutelas-2000'>Tutelas 2000<\/a><\/div>\n<h4 class=\"pt-cv-title\"><a href=\"https:\/\/www.dmsjuridica.com\/buscador_20179478954\/corteconstitucionalcronologico202454587\/t-052-00\/\" class=\"_self\" target=\"_self\" >T-052-00<\/a><\/h4>\n<div class=\"pt-cv-content\">\u00a0 \u00a0 Sentencia T-052\/00 \u00a0 ACCION DE TUTELA-Procedencia excepcional pago de acreencias laborales \u00a0 Referencia: Expediente T-225.803 \u00a0 Peticionario: Felix Arturo Murillo S\u00e1nchez\u00a0 \u00a0 Procedencia: Juzgado Promiscuo Municipal de Zaragoza (Antioquia) \u00a0 Magistrado Ponente: \u00a0 Dr. VLADIMIRO NARANJO MESA \u00a0 Santaf\u00e9 de Bogot\u00e1, D.C., veinticinco (25) de enero de dos mil (2000). \u00a0 La Sala Octava de Revisi\u00f3n de la Corte Constitucional, conformada por los Magistrados Vladimiro Naranjo Mesa -Presidente de la Sala-, Alvaro Tafur Galvis y Antonio Barrera Carbonell, ha pronunciado la siguiente Sentencia en el proceso de tutela instaurado por Felix Arturo Murillo S\u00e1nchez en contra de Cooperativa ...<br \/><div class=\"pt-cv-rmwrap\"><a href=\"https:\/\/www.dmsjuridica.com\/buscador_20179478954\/corteconstitucionalcronologico202454587\/t-052-00\/\" class=\"_self pt-cv-readmore btn btn-success\" target=\"_self\">Ver Sentencia Completa...<\/a><\/div><\/div><\/div><\/div>\n<div class=\"col-md-12 col-sm-12 col-xs-12 pt-cv-content-item pt-cv-1-col\" ><div class='pt-cv-ifield'><a href=\"https:\/\/www.dmsjuridica.com\/buscador_20179478954\/corteconstitucionalcronologico202454587\/t-051-00\/\" class=\"_self pt-cv-href-thumbnail pt-cv-thumb-default\" target=\"_self\" ><\/a>\n<div class=\"pt-cv-taxoterm above_title\"><a href='https:\/\/www.dmsjuridica.com\/buscador_20179478954\/corteconstitucionalcronologico202454587\/category\/buscar-en-toda-la-corte\/2000\/tutelas-2000\/' title='Tutelas 2000' class='pt-cv-tax-tutelas-2000'>Tutelas 2000<\/a><\/div>\n<h4 class=\"pt-cv-title\"><a href=\"https:\/\/www.dmsjuridica.com\/buscador_20179478954\/corteconstitucionalcronologico202454587\/t-051-00\/\" class=\"_self\" target=\"_self\" >T-051-00<\/a><\/h4>\n<div class=\"pt-cv-content\">\u00a0 \u00a0 Sentencia T-051\/00 \u00a0 ACCION DE TUTELA-Procedencia excepcional pago de acreencias laborales \u00a0 Referencia: Expediente T-225.776 \u00a0 Peticionario: Martha Luc\u00eda Quiti\u00e1n D\u00edaz\u00a0 \u00a0 Procedencia: Tribunal Superior de Distrito Judicial de Ibagu\u00e9 (Sala Laboral) \u00a0 Magistrado Ponente: \u00a0 Dr. VLADIMIRO NARANJO MESA \u00a0 Santaf\u00e9 de Bogot\u00e1, D.C., veinticinco (25) de enero de dos mil (2000). \u00a0 La Sala Octava de Revisi\u00f3n de la Corte Constitucional, conformada por los Magistrados Vladimiro Naranjo Mesa -Presidente de la Sala-, Alvaro Tafur Galvis y Antonio Barrera Carbonell, ha pronunciado la siguiente Sentencia en el proceso de tutela instaurado por Martha Luc\u00eda Quiti\u00e1n D\u00edaz en ...<br \/><div class=\"pt-cv-rmwrap\"><a href=\"https:\/\/www.dmsjuridica.com\/buscador_20179478954\/corteconstitucionalcronologico202454587\/t-051-00\/\" class=\"_self pt-cv-readmore btn btn-success\" target=\"_self\">Ver Sentencia Completa...<\/a><\/div><\/div><\/div><\/div>\n<div class=\"col-md-12 col-sm-12 col-xs-12 pt-cv-content-item pt-cv-1-col\" ><div class='pt-cv-ifield'><a href=\"https:\/\/www.dmsjuridica.com\/buscador_20179478954\/corteconstitucionalcronologico202454587\/t-050-00\/\" class=\"_self pt-cv-href-thumbnail pt-cv-thumb-default\" target=\"_self\" ><\/a>\n<div class=\"pt-cv-taxoterm above_title\"><a href='https:\/\/www.dmsjuridica.com\/buscador_20179478954\/corteconstitucionalcronologico202454587\/category\/buscar-en-toda-la-corte\/2000\/tutelas-2000\/' title='Tutelas 2000' class='pt-cv-tax-tutelas-2000'>Tutelas 2000<\/a><\/div>\n<h4 class=\"pt-cv-title\"><a href=\"https:\/\/www.dmsjuridica.com\/buscador_20179478954\/corteconstitucionalcronologico202454587\/t-050-00\/\" class=\"_self\" target=\"_self\" >T-050-00<\/a><\/h4>\n<div class=\"pt-cv-content\">\u00a0 \u00a0 Sentencia T-050\/00 \u00a0 ACCION DE TUTELA-Procedencia excepcional pago de acreencias laborales \u00a0 ACCION DE TUTELA-No requiere presentaci\u00f3n personal \u00a0 La acci\u00f3n de tutela puede ser ejercida, \"sin ninguna formalidad o autenticaci\u00f3n, por memorial, telegrama u otro medio de comunicaci\u00f3n que se manifieste por escrito\"; lo cual indica con claridad que basta la firma que identifique al peticionario para considerar leg\u00edtimamente interpuesta la acci\u00f3n, sin que constituya requisito sine qua non para su procedibilidad, la realizaci\u00f3n formal de la diligencia de presentaci\u00f3n personal.\u00a0 \u00a0 Referencia: expediente T-225.369 \u00a0 Peticionario: Alma Rosa Aguirre Bonilla y otros \u00a0 Procedencia: Juzgado 2\u00ba ...<br \/><div class=\"pt-cv-rmwrap\"><a href=\"https:\/\/www.dmsjuridica.com\/buscador_20179478954\/corteconstitucionalcronologico202454587\/t-050-00\/\" class=\"_self pt-cv-readmore btn btn-success\" target=\"_self\">Ver Sentencia Completa...<\/a><\/div><\/div><\/div><\/div>\n<div class=\"col-md-12 col-sm-12 col-xs-12 pt-cv-content-item pt-cv-1-col\" ><div class='pt-cv-ifield'><a href=\"https:\/\/www.dmsjuridica.com\/buscador_20179478954\/corteconstitucionalcronologico202454587\/t-049-00\/\" class=\"_self pt-cv-href-thumbnail pt-cv-thumb-default\" target=\"_self\" ><\/a>\n<div class=\"pt-cv-taxoterm above_title\"><a href='https:\/\/www.dmsjuridica.com\/buscador_20179478954\/corteconstitucionalcronologico202454587\/category\/buscar-en-toda-la-corte\/2000\/tutelas-2000\/' title='Tutelas 2000' class='pt-cv-tax-tutelas-2000'>Tutelas 2000<\/a><\/div>\n<h4 class=\"pt-cv-title\"><a href=\"https:\/\/www.dmsjuridica.com\/buscador_20179478954\/corteconstitucionalcronologico202454587\/t-049-00\/\" class=\"_self\" target=\"_self\" >T-049-00<\/a><\/h4>\n<div class=\"pt-cv-content\">\u00a0 \u00a0 Sentencia T-049\/00 \u00a0 ACCION DE TUTELA-Procedencia excepcional pago de acreencias laborales \u00a0 Referencia: expediente T-225.324 \u00a0 Peticionario: Silfredo Torres Berr\u00edo \u00a0 Procedencia: Juzgado Tercero Civil del Circuito de Monter\u00eda, C\u00f3rdoba \u00a0 Magistrado Ponente: \u00a0 Dr. VLADIMIRO NARANJO MESA \u00a0 Santaf\u00e9 de Bogot\u00e1, D.C., veinticinco (25) de enero de dos mil (2000). \u00a0 La Sala Octava de Revisi\u00f3n de la Corte Constitucional, conformada por los Magistrados Vladimiro Naranjo Mesa - Presidente de la Sala -, Alvaro Tafur Galvis y Antonio Barrera Carbonell, ha pronunciado la siguiente Sentencia en el proceso de tutela instaurado por Silfredo Torres Berr\u00edo en contra ...<br \/><div class=\"pt-cv-rmwrap\"><a href=\"https:\/\/www.dmsjuridica.com\/buscador_20179478954\/corteconstitucionalcronologico202454587\/t-049-00\/\" class=\"_self pt-cv-readmore btn btn-success\" target=\"_self\">Ver Sentencia Completa...<\/a><\/div><\/div><\/div><\/div>\n<div class=\"col-md-12 col-sm-12 col-xs-12 pt-cv-content-item pt-cv-1-col\" ><div class='pt-cv-ifield'><a href=\"https:\/\/www.dmsjuridica.com\/buscador_20179478954\/corteconstitucionalcronologico202454587\/t-048-00\/\" class=\"_self pt-cv-href-thumbnail pt-cv-thumb-default\" target=\"_self\" ><\/a>\n<div class=\"pt-cv-taxoterm above_title\"><a href='https:\/\/www.dmsjuridica.com\/buscador_20179478954\/corteconstitucionalcronologico202454587\/category\/buscar-en-toda-la-corte\/2000\/tutelas-2000\/' title='Tutelas 2000' class='pt-cv-tax-tutelas-2000'>Tutelas 2000<\/a><\/div>\n<h4 class=\"pt-cv-title\"><a href=\"https:\/\/www.dmsjuridica.com\/buscador_20179478954\/corteconstitucionalcronologico202454587\/t-048-00\/\" class=\"_self\" target=\"_self\" >T-048-00<\/a><\/h4>\n<div class=\"pt-cv-content\">\u00a0 \u00a0 Sentencia T-048\/00 \u00a0 ACCION DE TUTELA-Procedencia excepcional pago de acreencias laborales \u00a0 Referencia: expediente T-224.339 \u00a0 Peticionario: Hern\u00e1n de Jes\u00fas Celis Restrepo \u00a0 Procedencia: Juzgado Octavo Laboral del Circuito de Santaf\u00e9 de Bogot\u00e1\u00a0 \u00a0 Magistrado Ponente: \u00a0 Dr. VLADIMIRO NARANJO MESA \u00a0 Santaf\u00e9 de Bogot\u00e1, D.C., veinticinco (25) de enero de dos mil (2000). \u00a0 La Sala Octava de Revisi\u00f3n de la Corte Constitucional, conformada por los Magistrados Vladimiro Naranjo Mesa - Presidente de la Sala -, Alvaro Tafur Galvis y Antonio Barrera Carbonell, ha pronunciado la siguiente Sentencia en el proceso de tutela instaurado por Hern\u00e1n de ...<br \/><div class=\"pt-cv-rmwrap\"><a href=\"https:\/\/www.dmsjuridica.com\/buscador_20179478954\/corteconstitucionalcronologico202454587\/t-048-00\/\" class=\"_self pt-cv-readmore btn btn-success\" target=\"_self\">Ver Sentencia Completa...<\/a><\/div><\/div><\/div><\/div>\n<div class=\"col-md-12 col-sm-12 col-xs-12 pt-cv-content-item pt-cv-1-col\" ><div class='pt-cv-ifield'><a href=\"https:\/\/www.dmsjuridica.com\/buscador_20179478954\/corteconstitucionalcronologico202454587\/t-047-00\/\" class=\"_self pt-cv-href-thumbnail pt-cv-thumb-default\" target=\"_self\" ><\/a>\n<div class=\"pt-cv-taxoterm above_title\"><a href='https:\/\/www.dmsjuridica.com\/buscador_20179478954\/corteconstitucionalcronologico202454587\/category\/buscar-en-toda-la-corte\/2000\/tutelas-2000\/' title='Tutelas 2000' class='pt-cv-tax-tutelas-2000'>Tutelas 2000<\/a><\/div>\n<h4 class=\"pt-cv-title\"><a href=\"https:\/\/www.dmsjuridica.com\/buscador_20179478954\/corteconstitucionalcronologico202454587\/t-047-00\/\" class=\"_self\" target=\"_self\" >T-047-00<\/a><\/h4>\n<div class=\"pt-cv-content\">\u00a0 \u00a0 Sentencia T-047\/00 \u00a0 ACCION DE TUTELA-Procedencia excepcional pago de acreencias laborales \u00a0 Referencia: expediente T-224.321 \u00a0 Peticionaria: Martha Elena Cubillos\u00a0 \u00a0 Procedencia: Tribunal Superior de Distrito Judicial de Bogot\u00e1 \u00a0 Magistrado Ponente: \u00a0 Dr. VLADIMIRO NARANJO MESA \u00a0 Santaf\u00e9 de Bogot\u00e1, D.C., veinticinco (25) de enero de dos mil (2000). \u00a0 La Sala Octava de Revisi\u00f3n de la Corte Constitucional, conformada por los Magistrados Vladimiro Naranjo Mesa -Presidente de la Sala-, Antonio Barrera Carbonell y Alvaro Tafur Galvis ha pronunciado la siguiente Sentencia en el proceso de tutela instaurado por Martha Elena Cubillos en contra de la Industria ...<br \/><div class=\"pt-cv-rmwrap\"><a href=\"https:\/\/www.dmsjuridica.com\/buscador_20179478954\/corteconstitucionalcronologico202454587\/t-047-00\/\" class=\"_self pt-cv-readmore btn btn-success\" target=\"_self\">Ver Sentencia Completa...<\/a><\/div><\/div><\/div><\/div>\n<div class=\"col-md-12 col-sm-12 col-xs-12 pt-cv-content-item pt-cv-1-col\" ><div class='pt-cv-ifield'><a href=\"https:\/\/www.dmsjuridica.com\/buscador_20179478954\/corteconstitucionalcronologico202454587\/t-046-00\/\" class=\"_self pt-cv-href-thumbnail pt-cv-thumb-default\" target=\"_self\" ><\/a>\n<div class=\"pt-cv-taxoterm above_title\"><a href='https:\/\/www.dmsjuridica.com\/buscador_20179478954\/corteconstitucionalcronologico202454587\/category\/buscar-en-toda-la-corte\/2000\/tutelas-2000\/' title='Tutelas 2000' class='pt-cv-tax-tutelas-2000'>Tutelas 2000<\/a><\/div>\n<h4 class=\"pt-cv-title\"><a href=\"https:\/\/www.dmsjuridica.com\/buscador_20179478954\/corteconstitucionalcronologico202454587\/t-046-00\/\" class=\"_self\" target=\"_self\" >T-046-00<\/a><\/h4>\n<div class=\"pt-cv-content\">\u00a0 \u00a0 Sentencia T-046\/00 \u00a0 ACCION DE TUTELA-Procedencia excepcional pago de acreencias laborales \u00a0 \u00a0 Referencia: expediente T-224297 \u00a0 Peticionarios: William Romero Gonz\u00e1lez, Luis Alfredo Acosta Ca\u00f1on, Daniel Astudillo Acosta, Mois\u00e9s Astudillo Acosta, Jose Miguel Barreto Garz\u00f3n, Alberto Bautista Nausan, Wilson Castillo Pe\u00f1a, Martha Cristancho De Sotelo, Victor Manuel Galvis Clavijo, Jorge Gomez Rojas, Jose Policarpo Gomez, Hernando Antonio Gordillo Martinez, Elizabeth \u00a0Herrera De Orjuela, Marco Fidel Itaz Palechor, Gregorio \u00a0L\u00f3pez Espitia, Carlos Abel Martinez Pi\u00f1arate, Flavio \u00a0Antonio Martinez Guzman, Maria Emperatriz Molina Garzon, Alvaro Mondrag\u00f3n Vaca, Tiberio Numpaque Martinez, Miguel Antonio Parra Rojas, Jorge Eliecer Pedraza Bello, Leonidas Alberto ...<br \/><div class=\"pt-cv-rmwrap\"><a href=\"https:\/\/www.dmsjuridica.com\/buscador_20179478954\/corteconstitucionalcronologico202454587\/t-046-00\/\" class=\"_self pt-cv-readmore btn btn-success\" target=\"_self\">Ver Sentencia Completa...<\/a><\/div><\/div><\/div><\/div>\n<div class=\"col-md-12 col-sm-12 col-xs-12 pt-cv-content-item pt-cv-1-col\" ><div class='pt-cv-ifield'><a href=\"https:\/\/www.dmsjuridica.com\/buscador_20179478954\/corteconstitucionalcronologico202454587\/t-045-00\/\" class=\"_self pt-cv-href-thumbnail pt-cv-thumb-default\" target=\"_self\" ><\/a>\n<div class=\"pt-cv-taxoterm above_title\"><a href='https:\/\/www.dmsjuridica.com\/buscador_20179478954\/corteconstitucionalcronologico202454587\/category\/buscar-en-toda-la-corte\/2000\/tutelas-2000\/' title='Tutelas 2000' class='pt-cv-tax-tutelas-2000'>Tutelas 2000<\/a><\/div>\n<h4 class=\"pt-cv-title\"><a href=\"https:\/\/www.dmsjuridica.com\/buscador_20179478954\/corteconstitucionalcronologico202454587\/t-045-00\/\" class=\"_self\" target=\"_self\" >T-045-00<\/a><\/h4>\n<div class=\"pt-cv-content\">\u00a0 \u00a0 Sentencia T-045\/00 \u00a0 SENTENCIA DEL CONSEJO DE ESTADO-Inconformidad con ejecuci\u00f3n en cuanto a reintegro y pago de salarios \u00a0 Si el accionante considera vulnerados sus derechos fundamentales, antes que la Resoluci\u00f3n, debe atacar su fuente, es decir, la decisi\u00f3n judicial que la motiv\u00f3. \u00a0Ser\u00eda no s\u00f3lo contrario a la l\u00f3gica sino adem\u00e1s inocuo ordenar la anulaci\u00f3n del acto de ejecuci\u00f3n, si de todos modos subsiste la mencionada sentencia. Ahora bien, aunque improbable, debido a la exactitud con que la Resoluci\u00f3n 1741 de julio 21 de 1998 del Ministerio de Hacienda ejecuta lo resuelto por la Sentencia del Consejo ...<br \/><div class=\"pt-cv-rmwrap\"><a href=\"https:\/\/www.dmsjuridica.com\/buscador_20179478954\/corteconstitucionalcronologico202454587\/t-045-00\/\" class=\"_self pt-cv-readmore btn btn-success\" target=\"_self\">Ver Sentencia Completa...<\/a><\/div><\/div><\/div><\/div>\n<div class=\"col-md-12 col-sm-12 col-xs-12 pt-cv-content-item pt-cv-1-col\" ><div class='pt-cv-ifield'><a href=\"https:\/\/www.dmsjuridica.com\/buscador_20179478954\/corteconstitucionalcronologico202454587\/t-036-00\/\" class=\"_self pt-cv-href-thumbnail pt-cv-thumb-default\" target=\"_self\" ><\/a>\n<div class=\"pt-cv-taxoterm above_title\"><a href='https:\/\/www.dmsjuridica.com\/buscador_20179478954\/corteconstitucionalcronologico202454587\/category\/buscar-en-toda-la-corte\/2000\/tutelas-2000\/' title='Tutelas 2000' class='pt-cv-tax-tutelas-2000'>Tutelas 2000<\/a><\/div>\n<h4 class=\"pt-cv-title\"><a href=\"https:\/\/www.dmsjuridica.com\/buscador_20179478954\/corteconstitucionalcronologico202454587\/t-036-00\/\" class=\"_self\" target=\"_self\" >T-036-00<\/a><\/h4>\n<div class=\"pt-cv-content\">\u00a0 \u00a0 Sentencia T-036\/00\u00a0 \u00a0 ACCION DE TUTELA-Procedencia excepcional pago de acreencias laborales \u00a0 Referencia: expediente T-226350 \u00a0 Acci\u00f3n de tutela instaurada por Evaristo Romero Bonilla contra la sociedad comercial DIM Ltda. y\/o Serteland Ltda. \u00a0 Magistrado Ponente \u00a0 Dr. FABIO MORON DIAZ\u00a0 \u00a0 Santaf\u00e9 de Bogot\u00e1, D.C., \u00a0enero veinticinco (25) de dos mil (2000) \u00a0 La Sala S\u00e9ptima de Revisi\u00f3n de Tutelas de la Corte Constitucional, integrada por los Magistrados \u00a0FABIO MORON DIAZ, VLADIMIRO NARANJO MESA y ALVARO TAFUR GALVIS, en ejercicio de sus competencias constitucionales y legales, ha proferido la siguiente \u00a0 SENTENCIA \u00a0 en el proceso de ...<br \/><div class=\"pt-cv-rmwrap\"><a href=\"https:\/\/www.dmsjuridica.com\/buscador_20179478954\/corteconstitucionalcronologico202454587\/t-036-00\/\" class=\"_self pt-cv-readmore btn btn-success\" target=\"_self\">Ver Sentencia Completa...<\/a><\/div><\/div><\/div><\/div>\n<div class=\"col-md-12 col-sm-12 col-xs-12 pt-cv-content-item pt-cv-1-col\" ><div class='pt-cv-ifield'><a href=\"https:\/\/www.dmsjuridica.com\/buscador_20179478954\/corteconstitucionalcronologico202454587\/t-035-00\/\" class=\"_self pt-cv-href-thumbnail pt-cv-thumb-default\" target=\"_self\" ><\/a>\n<div class=\"pt-cv-taxoterm above_title\"><a href='https:\/\/www.dmsjuridica.com\/buscador_20179478954\/corteconstitucionalcronologico202454587\/category\/buscar-en-toda-la-corte\/2000\/tutelas-2000\/' title='Tutelas 2000' class='pt-cv-tax-tutelas-2000'>Tutelas 2000<\/a><\/div>\n<h4 class=\"pt-cv-title\"><a href=\"https:\/\/www.dmsjuridica.com\/buscador_20179478954\/corteconstitucionalcronologico202454587\/t-035-00\/\" class=\"_self\" target=\"_self\" >T-035-00<\/a><\/h4>\n<div class=\"pt-cv-content\">\u00a0 \u00a0 Sentencia T-035\/00 \u00a0 ACCION DE TUTELA-Procedencia excepcional pago de acreencias laborales \u00a0 Referencia: expediente T-226027 \u00a0 Acci\u00f3n de tutela instaurada por Mery Guadalupe Huertas Chamorro \u00a0contra el Gobernador de Nari\u00f1o. \u00a0\u00a0 \u00a0 Magistrado Ponente: \u00a0 Dr. FABIO MOR\u00d3N D\u00cdAZ \u00a0 Santaf\u00e9 de Bogot\u00e1, D.C., enero veinticinco (25) de dos mil (2000) \u00a0 La Sala s\u00e9ptima Revisi\u00f3n de Tutelas de la Corte Constitucional, integrada por los H. Magistrados Fabio Mor\u00f3n D\u00edaz, Vladimiro Naranjo y Alvaro Tafur Galvis, en ejercicio de sus competencias constitucionales y legales, ha proferido la siguiente, \u00a0 SENTENCIA \u00a0 dentro del proceso de revisi\u00f3n de los ...<br \/><div class=\"pt-cv-rmwrap\"><a href=\"https:\/\/www.dmsjuridica.com\/buscador_20179478954\/corteconstitucionalcronologico202454587\/t-035-00\/\" class=\"_self pt-cv-readmore btn btn-success\" target=\"_self\">Ver Sentencia Completa...<\/a><\/div><\/div><\/div><\/div>\n<div class=\"col-md-12 col-sm-12 col-xs-12 pt-cv-content-item pt-cv-1-col\" ><div class='pt-cv-ifield'><a href=\"https:\/\/www.dmsjuridica.com\/buscador_20179478954\/corteconstitucionalcronologico202454587\/t-034-00\/\" class=\"_self pt-cv-href-thumbnail pt-cv-thumb-default\" target=\"_self\" ><\/a>\n<div class=\"pt-cv-taxoterm above_title\"><a href='https:\/\/www.dmsjuridica.com\/buscador_20179478954\/corteconstitucionalcronologico202454587\/category\/buscar-en-toda-la-corte\/2000\/tutelas-2000\/' title='Tutelas 2000' class='pt-cv-tax-tutelas-2000'>Tutelas 2000<\/a><\/div>\n<h4 class=\"pt-cv-title\"><a href=\"https:\/\/www.dmsjuridica.com\/buscador_20179478954\/corteconstitucionalcronologico202454587\/t-034-00\/\" class=\"_self\" target=\"_self\" >T-034-00<\/a><\/h4>\n<div class=\"pt-cv-content\">\u00a0 \u00a0 Sentencia T-034\/00\u00a0 \u00a0 ACCION DE TUTELA-Procedencia excepcional pago de acreencias laborales \u00a0 Referencia: expediente T-227552 \u00a0 Acci\u00f3n de tutela instaurada por Omaira Marin Rangel Y Otros contra el Hospital San Jos\u00e9 de Sevilla del Valle del Cauca. \u00a0 Magistrado Ponente \u00a0 Dr. FABIO MORON DIAZ\u00a0 \u00a0 Santaf\u00e9 de Bogot\u00e1, D.C., enero veinticinco (25) de dos mil (2000) \u00a0 La Sala S\u00e9ptima de Revisi\u00f3n de Tutelas de la Corte Constitucional, integrada por los Magistrados Fabio Mor\u00f3n D\u00edaz, Vladimiro Naranjo Mesa y Alvaro Tafur Galvis, en ejercicio de sus competencias constitucionales y legales, ha proferido la siguiente \u00a0 SENTENCIA \u00a0 ...<br \/><div class=\"pt-cv-rmwrap\"><a href=\"https:\/\/www.dmsjuridica.com\/buscador_20179478954\/corteconstitucionalcronologico202454587\/t-034-00\/\" class=\"_self pt-cv-readmore btn btn-success\" target=\"_self\">Ver Sentencia Completa...<\/a><\/div><\/div><\/div><\/div>\n<div class=\"col-md-12 col-sm-12 col-xs-12 pt-cv-content-item pt-cv-1-col\" ><div class='pt-cv-ifield'><a href=\"https:\/\/www.dmsjuridica.com\/buscador_20179478954\/corteconstitucionalcronologico202454587\/t-033-00\/\" class=\"_self pt-cv-href-thumbnail pt-cv-thumb-default\" target=\"_self\" ><\/a>\n<div class=\"pt-cv-taxoterm above_title\"><a href='https:\/\/www.dmsjuridica.com\/buscador_20179478954\/corteconstitucionalcronologico202454587\/category\/buscar-en-toda-la-corte\/2000\/tutelas-2000\/' title='Tutelas 2000' class='pt-cv-tax-tutelas-2000'>Tutelas 2000<\/a><\/div>\n<h4 class=\"pt-cv-title\"><a href=\"https:\/\/www.dmsjuridica.com\/buscador_20179478954\/corteconstitucionalcronologico202454587\/t-033-00\/\" class=\"_self\" target=\"_self\" >T-033-00<\/a><\/h4>\n<div class=\"pt-cv-content\">\u00a0 \u00a0 Sentencia T-033\/00 \u00a0 ACCION DE TUTELA-Procedencia excepcional pago de acreencias laborales \u00a0 Referencia: expediente T-224474 \u00a0 Acci\u00f3n de tutela instaurada por Alicia Lucero Vallejo Y Luis Pantoja Lopez contra la Gobernaci\u00f3n de Nari\u00f1o. \u00a0 Magistrado Ponente \u00a0 Dr. FABIO MORON DIAZ\u00a0 \u00a0 Santaf\u00e9 de Bogot\u00e1, D.C., enero veinticinco (25) de dos mil (2000) \u00a0 La Sala S\u00e9ptima de Revisi\u00f3n de Tutelas de la Corte Constitucional, integrada por los Magistrados \u00a0FABIO MORON DIAZ, VLADIMIRO NARANJO y Alvaro Tafur Galvis, en ejercicio de sus competencias constitucionales y legales, ha proferido la siguiente \u00a0 SENTENCIA \u00a0 en el proceso de revisi\u00f3n ...<br \/><div class=\"pt-cv-rmwrap\"><a href=\"https:\/\/www.dmsjuridica.com\/buscador_20179478954\/corteconstitucionalcronologico202454587\/t-033-00\/\" class=\"_self pt-cv-readmore btn btn-success\" target=\"_self\">Ver Sentencia Completa...<\/a><\/div><\/div><\/div><\/div>\n<div class=\"col-md-12 col-sm-12 col-xs-12 pt-cv-content-item pt-cv-1-col\" ><div class='pt-cv-ifield'><a href=\"https:\/\/www.dmsjuridica.com\/buscador_20179478954\/corteconstitucionalcronologico202454587\/t-032-00\/\" class=\"_self pt-cv-href-thumbnail pt-cv-thumb-default\" target=\"_self\" ><\/a>\n<div class=\"pt-cv-taxoterm above_title\"><a href='https:\/\/www.dmsjuridica.com\/buscador_20179478954\/corteconstitucionalcronologico202454587\/category\/buscar-en-toda-la-corte\/2000\/tutelas-2000\/' title='Tutelas 2000' class='pt-cv-tax-tutelas-2000'>Tutelas 2000<\/a><\/div>\n<h4 class=\"pt-cv-title\"><a href=\"https:\/\/www.dmsjuridica.com\/buscador_20179478954\/corteconstitucionalcronologico202454587\/t-032-00\/\" class=\"_self\" target=\"_self\" >T-032-00<\/a><\/h4>\n<div class=\"pt-cv-content\">\u00a0 \u00a0 Sentencia T-032\/00 \u00a0 ACCION DE TUTELA-Procedencia excepcional pago de acreencias laborales \u00a0 Acci\u00f3n de tutela instaurada por \u00a0Juan C\u00f3rdoba Castro \u00a0contra EL Gobernador Del Choc\u00f3. \u00a0\u00a0 \u00a0 Magistrado Ponente: \u00a0 Dr. FABIO MOR\u00d3N D\u00cdAZ \u00a0 Santaf\u00e9 de Bogot\u00e1, D.C., enero veinticinco (25) de dos mil (2000) \u00a0 La Sala S\u00e9ptima de \u00a0Revisi\u00f3n de Tutelas de la Corte Constitucional, integrada por los H. Magistrados\u00a0 Fabio Mor\u00f3n D\u00edaz, Vladimiro Naranjo Mesa y Antonio Barrera Carbonell, en ejercicio de sus competencias constitucionales y legales, ha proferido la siguiente, \u00a0 SENTENCIA \u00a0 En el proceso de revisi\u00f3n del fallo adoptado por el ...<br \/><div class=\"pt-cv-rmwrap\"><a href=\"https:\/\/www.dmsjuridica.com\/buscador_20179478954\/corteconstitucionalcronologico202454587\/t-032-00\/\" class=\"_self pt-cv-readmore btn btn-success\" target=\"_self\">Ver Sentencia Completa...<\/a><\/div><\/div><\/div><\/div>\n<div class=\"col-md-12 col-sm-12 col-xs-12 pt-cv-content-item pt-cv-1-col\" ><div class='pt-cv-ifield'><a href=\"https:\/\/www.dmsjuridica.com\/buscador_20179478954\/corteconstitucionalcronologico202454587\/t-031-00\/\" class=\"_self pt-cv-href-thumbnail pt-cv-thumb-default\" target=\"_self\" ><\/a>\n<div class=\"pt-cv-taxoterm above_title\"><a href='https:\/\/www.dmsjuridica.com\/buscador_20179478954\/corteconstitucionalcronologico202454587\/category\/buscar-en-toda-la-corte\/2000\/tutelas-2000\/' title='Tutelas 2000' class='pt-cv-tax-tutelas-2000'>Tutelas 2000<\/a><\/div>\n<h4 class=\"pt-cv-title\"><a href=\"https:\/\/www.dmsjuridica.com\/buscador_20179478954\/corteconstitucionalcronologico202454587\/t-031-00\/\" class=\"_self\" target=\"_self\" >T-031-00<\/a><\/h4>\n<div class=\"pt-cv-content\">\u00a0 \u00a0 Sentencia T-031\/00 \u00a0 PRINCIPIO DE CONTINUIDAD POR ENTIDAD PROMOTORA DE SALUD-Reconocimiento de antig\u00fcedad en las cotizaciones por omisi\u00f3n de dar tr\u00e1mite a solicitud de registro\/PRINCIPIO DE LA BUENA FE CON EPS-Reconocimiento de antiguedad en las cotizaciones por omisi\u00f3n de dar tr\u00e1mite a solicitud de registro \u00a0 Ciertamente, el servicio de salud que prestan las entidades de medicina prepagada est\u00e1 supeditado, en muchos casos, a un n\u00famero m\u00ednimo de semanas de cotizaci\u00f3n. Es, pues, \u00a0perfectamente previsible que la antig\u00fcedad en las cotizaciones se convierta en \u00a0la variable \u00a0determinante del acceso al derecho de atenci\u00f3n en el sistema de seguridad ...<br \/><div class=\"pt-cv-rmwrap\"><a href=\"https:\/\/www.dmsjuridica.com\/buscador_20179478954\/corteconstitucionalcronologico202454587\/t-031-00\/\" class=\"_self pt-cv-readmore btn btn-success\" target=\"_self\">Ver Sentencia Completa...<\/a><\/div><\/div><\/div><\/div>\n<div class=\"col-md-12 col-sm-12 col-xs-12 pt-cv-content-item pt-cv-1-col\" ><div class='pt-cv-ifield'><a href=\"https:\/\/www.dmsjuridica.com\/buscador_20179478954\/corteconstitucionalcronologico202454587\/t-030-00\/\" class=\"_self pt-cv-href-thumbnail pt-cv-thumb-default\" target=\"_self\" ><\/a>\n<div class=\"pt-cv-taxoterm above_title\"><a href='https:\/\/www.dmsjuridica.com\/buscador_20179478954\/corteconstitucionalcronologico202454587\/category\/buscar-en-toda-la-corte\/2000\/tutelas-2000\/' title='Tutelas 2000' class='pt-cv-tax-tutelas-2000'>Tutelas 2000<\/a><\/div>\n<h4 class=\"pt-cv-title\"><a href=\"https:\/\/www.dmsjuridica.com\/buscador_20179478954\/corteconstitucionalcronologico202454587\/t-030-00\/\" class=\"_self\" target=\"_self\" >T-030-00<\/a><\/h4>\n<div class=\"pt-cv-content\">\u00a0 \u00a0 Sentencia T-030\/00 \u00a0 MENORES U\u2019WA-Medidas de protecci\u00f3n \u00a0 Es claro que la decisi\u00f3n del Juez Constitucional de primera instancia, confirmada posteriormente por la Sala Civil de la H. Corte Suprema de Justicia, de tutelar los derechos fundamentales a la salud, a la vida y a la familia de los menores para los cuales la actora solicit\u00f3 protecci\u00f3n, ordenando al efecto que se continuara con el proceso administrativo de protecci\u00f3n, no puede entenderse como una orden impartida a las funcionarias administrativas que deb\u00edan acatarla y cumplirla, de proceder necesariamente a la declaratoria de abandono y a ordenar el inicio ...<br \/><div class=\"pt-cv-rmwrap\"><a href=\"https:\/\/www.dmsjuridica.com\/buscador_20179478954\/corteconstitucionalcronologico202454587\/t-030-00\/\" class=\"_self pt-cv-readmore btn btn-success\" target=\"_self\">Ver Sentencia Completa...<\/a><\/div><\/div><\/div><\/div>\n<div class=\"col-md-12 col-sm-12 col-xs-12 pt-cv-content-item pt-cv-1-col\" ><div class='pt-cv-ifield'><a href=\"https:\/\/www.dmsjuridica.com\/buscador_20179478954\/corteconstitucionalcronologico202454587\/t-029-00\/\" class=\"_self pt-cv-href-thumbnail pt-cv-thumb-default\" target=\"_self\" ><\/a>\n<div class=\"pt-cv-taxoterm above_title\"><a href='https:\/\/www.dmsjuridica.com\/buscador_20179478954\/corteconstitucionalcronologico202454587\/category\/buscar-en-toda-la-corte\/2000\/tutelas-2000\/' title='Tutelas 2000' class='pt-cv-tax-tutelas-2000'>Tutelas 2000<\/a><\/div>\n<h4 class=\"pt-cv-title\"><a href=\"https:\/\/www.dmsjuridica.com\/buscador_20179478954\/corteconstitucionalcronologico202454587\/t-029-00\/\" class=\"_self\" target=\"_self\" >T-029-00<\/a><\/h4>\n<div class=\"pt-cv-content\">\u00a0 \u00a0 Sentencia T-029\/00 \u00a0 RECURSO DE REVISION EN PROCESO EJECUTIVO-Improcedencia de la acci\u00f3n de tutela \u00a0 En los procesos ejecutivos, habiendo sido alegada sin \u00e9xito, la causal de nulidad por indebida notificaci\u00f3n o emplazamiento, la parte presuntamente afectada puede acudir, en defensa de su derecho fundamental al debido proceso, al recurso extraordinario de revisi\u00f3n, incluso antes de finalizado el correspondiente proceso.\u00a0 \u00a0 En principio, si existe una vulneraci\u00f3n del derecho al debido proceso en un proceso ejecutivo, la tutela s\u00f3lo podr\u00e1 prosperar si tal vulneraci\u00f3n se produjo en virtud de una v\u00eda de hecho y si no existe otro ...<br \/><div class=\"pt-cv-rmwrap\"><a href=\"https:\/\/www.dmsjuridica.com\/buscador_20179478954\/corteconstitucionalcronologico202454587\/t-029-00\/\" class=\"_self pt-cv-readmore btn btn-success\" target=\"_self\">Ver Sentencia Completa...<\/a><\/div><\/div><\/div><\/div>\n<div class=\"col-md-12 col-sm-12 col-xs-12 pt-cv-content-item pt-cv-1-col\" ><div class='pt-cv-ifield'><a href=\"https:\/\/www.dmsjuridica.com\/buscador_20179478954\/corteconstitucionalcronologico202454587\/t-028-00\/\" class=\"_self pt-cv-href-thumbnail pt-cv-thumb-default\" target=\"_self\" ><\/a>\n<div class=\"pt-cv-taxoterm above_title\"><a href='https:\/\/www.dmsjuridica.com\/buscador_20179478954\/corteconstitucionalcronologico202454587\/category\/buscar-en-toda-la-corte\/2000\/tutelas-2000\/' title='Tutelas 2000' class='pt-cv-tax-tutelas-2000'>Tutelas 2000<\/a><\/div>\n<h4 class=\"pt-cv-title\"><a href=\"https:\/\/www.dmsjuridica.com\/buscador_20179478954\/corteconstitucionalcronologico202454587\/t-028-00\/\" class=\"_self\" target=\"_self\" >T-028-00<\/a><\/h4>\n<div class=\"pt-cv-content\">COMITE ESPECIAL DE DOCENTES AMENAZADOS-Finalidad\/DERECHO A LA VIDA-Protecci\u00f3n especial de docente amenazado\/DERECHO AL TRABAJO-Pago de salario de docente amenazado \u00a0 Los docentes son servidores p\u00fablicos civiles y, a diferencia de los miembros de las fuerzas armadas, no tienen el deber de arriesgar su vida en ejercicio del cargo para el cual han sido nombrados. Precisamente por las situaciones de alto riesgo a las que vienen siendo sometidos por los grupos alzados en armas, se dict\u00f3 el Decreto 1645 de 1992, en el que se regul\u00f3 la protecci\u00f3n especial que debe otorgarles el Estado, previ\u00e9ndose en ese estatuto el pago del ...<br \/><div class=\"pt-cv-rmwrap\"><a href=\"https:\/\/www.dmsjuridica.com\/buscador_20179478954\/corteconstitucionalcronologico202454587\/t-028-00\/\" class=\"_self pt-cv-readmore btn btn-success\" target=\"_self\">Ver Sentencia Completa...<\/a><\/div><\/div><\/div><\/div>\n<div class=\"col-md-12 col-sm-12 col-xs-12 pt-cv-content-item pt-cv-1-col\" ><div class='pt-cv-ifield'><a href=\"https:\/\/www.dmsjuridica.com\/buscador_20179478954\/corteconstitucionalcronologico202454587\/t-027-00\/\" class=\"_self pt-cv-href-thumbnail pt-cv-thumb-default\" target=\"_self\" ><\/a>\n<div class=\"pt-cv-taxoterm above_title\"><a href='https:\/\/www.dmsjuridica.com\/buscador_20179478954\/corteconstitucionalcronologico202454587\/category\/buscar-en-toda-la-corte\/2000\/tutelas-2000\/' title='Tutelas 2000' class='pt-cv-tax-tutelas-2000'>Tutelas 2000<\/a><\/div>\n<h4 class=\"pt-cv-title\"><a href=\"https:\/\/www.dmsjuridica.com\/buscador_20179478954\/corteconstitucionalcronologico202454587\/t-027-00\/\" class=\"_self\" target=\"_self\" >T-027-00<\/a><\/h4>\n<div class=\"pt-cv-content\">\u00a0 \u00a0 Sentencia T-027\/00 \u00a0 AUDIENCIA PUBLICA-No hubo mora judicial\/EMBARGO Y SECUESTRO EN PROCESO PENAL-No hubo mora judicial\/DEBIDO PROCESO-No hubo violaci\u00f3n por mora judicial \u00a0 De los medios de prueba aportados al expediente de tutela no se desprende que el juez demandado haya incurrido, por dilaci\u00f3n injustificada de la audiencia p\u00fablica, en la violaci\u00f3n del derecho al debido proceso que reclama el actor. En cuanto hace al lapso transcurrido entre la presentaci\u00f3n de la solicitud de embargo y secuestro (10 de mayo de 1999), y la expedici\u00f3n del auto que ordena esas medidas cautelares (15 de junio del mismo a\u00f1o), ...<br \/><div class=\"pt-cv-rmwrap\"><a href=\"https:\/\/www.dmsjuridica.com\/buscador_20179478954\/corteconstitucionalcronologico202454587\/t-027-00\/\" class=\"_self pt-cv-readmore btn btn-success\" target=\"_self\">Ver Sentencia Completa...<\/a><\/div><\/div><\/div><\/div>\n<div class=\"col-md-12 col-sm-12 col-xs-12 pt-cv-content-item pt-cv-1-col\" ><div class='pt-cv-ifield'><a href=\"https:\/\/www.dmsjuridica.com\/buscador_20179478954\/corteconstitucionalcronologico202454587\/t-026-00\/\" class=\"_self pt-cv-href-thumbnail pt-cv-thumb-default\" target=\"_self\" ><\/a>\n<div class=\"pt-cv-taxoterm above_title\"><a href='https:\/\/www.dmsjuridica.com\/buscador_20179478954\/corteconstitucionalcronologico202454587\/category\/buscar-en-toda-la-corte\/2000\/tutelas-2000\/' title='Tutelas 2000' class='pt-cv-tax-tutelas-2000'>Tutelas 2000<\/a><\/div>\n<h4 class=\"pt-cv-title\"><a href=\"https:\/\/www.dmsjuridica.com\/buscador_20179478954\/corteconstitucionalcronologico202454587\/t-026-00\/\" class=\"_self\" target=\"_self\" >T-026-00<\/a><\/h4>\n<div class=\"pt-cv-content\">\u00a0 \u00a0 Sentencia T-026\/00 \u00a0 AUTONOMIA UNIVERSITARIA-L\u00edmites\/ICFES-Inscripci\u00f3n de nuevos programas acad\u00e9micos Universidad Antonio Nari\u00f1o \u00a0 La Universidad Antonio Nari\u00f1o cre\u00f3 el programa de odontolog\u00eda pedi\u00e1trica, y procedi\u00f3 a ofrecerlo al p\u00fablico para la inscripci\u00f3n de aspirantes, sin someterlo al aludido procedimiento de verificaci\u00f3n previa; de esa manera, no puede aceptarse que tal instituci\u00f3n pretenda que se le tutele su derecho al debido proceso, cuando fue ella quien inicialmente viol\u00f3 las normas que regulan el tr\u00e1mite debido de esa actuaci\u00f3n administrativa, y de esa manera pretendi\u00f3 eludir la inspecci\u00f3n y vigilancia estatal que prev\u00e9 el art\u00edculo 67 de la Carta Pol\u00edtica ...<br \/><div class=\"pt-cv-rmwrap\"><a href=\"https:\/\/www.dmsjuridica.com\/buscador_20179478954\/corteconstitucionalcronologico202454587\/t-026-00\/\" class=\"_self pt-cv-readmore btn btn-success\" target=\"_self\">Ver Sentencia Completa...<\/a><\/div><\/div><\/div><\/div>\n<div class=\"col-md-12 col-sm-12 col-xs-12 pt-cv-content-item pt-cv-1-col\" ><div class='pt-cv-ifield'><a href=\"https:\/\/www.dmsjuridica.com\/buscador_20179478954\/corteconstitucionalcronologico202454587\/t-025-00\/\" class=\"_self pt-cv-href-thumbnail pt-cv-thumb-default\" target=\"_self\" ><\/a>\n<div class=\"pt-cv-taxoterm above_title\"><a href='https:\/\/www.dmsjuridica.com\/buscador_20179478954\/corteconstitucionalcronologico202454587\/category\/buscar-en-toda-la-corte\/2000\/tutelas-2000\/' title='Tutelas 2000' class='pt-cv-tax-tutelas-2000'>Tutelas 2000<\/a><\/div>\n<h4 class=\"pt-cv-title\"><a href=\"https:\/\/www.dmsjuridica.com\/buscador_20179478954\/corteconstitucionalcronologico202454587\/t-025-00\/\" class=\"_self\" target=\"_self\" >T-025-00<\/a><\/h4>\n<div class=\"pt-cv-content\">\u00a0 \u00a0 Sentencia T-025\/00 \u00a0 ACCION DE TUTELA-Procedencia excepcional pago de acreencias laborales \u00a0 Referencia: expedientes: T-224895 y T-224972 \u00a0 Acciones de tutela instauradas por Martha In\u00e9s Gonz\u00e1lez Sep\u00falveda y Carmen Amparo Rivera Cabal contra el Hospital San Vicente de Paul de Palmira (Valle), -Empresa Social del Estado-. \u00a0 Magistrado ponente:\u00a0 \u00a0 Dr. ANTONIO BARRERA CARBONELL \u00a0 Santaf\u00e9 de Bogot\u00e1, D.C., enero veinticuatro (24) de dos mil (2000). \u00a0 La Sala Primera de Revisi\u00f3n de la Corte Constitucional, integrada por los magistrados Antonio Barrera Carbonell, Alfredo Beltr\u00e1n Sierra y Eduardo Cifuentes Mu\u00f1oz, en ejercicio de sus competencias constitucionales y legales, ...<br \/><div class=\"pt-cv-rmwrap\"><a href=\"https:\/\/www.dmsjuridica.com\/buscador_20179478954\/corteconstitucionalcronologico202454587\/t-025-00\/\" class=\"_self pt-cv-readmore btn btn-success\" target=\"_self\">Ver Sentencia Completa...<\/a><\/div><\/div><\/div><\/div>\n<div class=\"col-md-12 col-sm-12 col-xs-12 pt-cv-content-item pt-cv-1-col\" ><div class='pt-cv-ifield'><a href=\"https:\/\/www.dmsjuridica.com\/buscador_20179478954\/corteconstitucionalcronologico202454587\/t-024-00\/\" class=\"_self pt-cv-href-thumbnail pt-cv-thumb-default\" target=\"_self\" ><\/a>\n<div class=\"pt-cv-taxoterm above_title\"><a href='https:\/\/www.dmsjuridica.com\/buscador_20179478954\/corteconstitucionalcronologico202454587\/category\/buscar-en-toda-la-corte\/2000\/tutelas-2000\/' title='Tutelas 2000' class='pt-cv-tax-tutelas-2000'>Tutelas 2000<\/a><\/div>\n<h4 class=\"pt-cv-title\"><a href=\"https:\/\/www.dmsjuridica.com\/buscador_20179478954\/corteconstitucionalcronologico202454587\/t-024-00\/\" class=\"_self\" target=\"_self\" >T-024-00<\/a><\/h4>\n<div class=\"pt-cv-content\">\u00a0 \u00a0 Sentencia T-024\/00 \u00a0 PERSONERO MUNICIPAL-Legitimaci\u00f3n para interponer tutela \u00a0 Tal y como lo se\u00f1ala la Carta Pol\u00edtica, la ley y las resoluciones de la Defensor\u00eda del Pueblo, \u00a0los personeros municipales, en virtud de sus funciones constitucionales y legales que efectivamente les han sido conferidas, est\u00e1n legitimados para presentar acciones de tutela de conformidad con su misi\u00f3n de guarda y promoci\u00f3n de los derechos fundamentales. Por consiguiente, si se percatan de la amenaza o violaci\u00f3n de los derechos fundamentales de \u00a0un individuo, \u00a0pueden ejercer la acci\u00f3n de tutela en nombre de cualquier persona que se los solicite, o cuando ...<br \/><div class=\"pt-cv-rmwrap\"><a href=\"https:\/\/www.dmsjuridica.com\/buscador_20179478954\/corteconstitucionalcronologico202454587\/t-024-00\/\" class=\"_self pt-cv-readmore btn btn-success\" target=\"_self\">Ver Sentencia Completa...<\/a><\/div><\/div><\/div><\/div>\n<div class=\"col-md-12 col-sm-12 col-xs-12 pt-cv-content-item pt-cv-1-col\" ><div class='pt-cv-ifield'><a href=\"https:\/\/www.dmsjuridica.com\/buscador_20179478954\/corteconstitucionalcronologico202454587\/t-023-00\/\" class=\"_self pt-cv-href-thumbnail pt-cv-thumb-default\" target=\"_self\" ><\/a>\n<div class=\"pt-cv-taxoterm above_title\"><a href='https:\/\/www.dmsjuridica.com\/buscador_20179478954\/corteconstitucionalcronologico202454587\/category\/buscar-en-toda-la-corte\/2000\/tutelas-2000\/' title='Tutelas 2000' class='pt-cv-tax-tutelas-2000'>Tutelas 2000<\/a><\/div>\n<h4 class=\"pt-cv-title\"><a href=\"https:\/\/www.dmsjuridica.com\/buscador_20179478954\/corteconstitucionalcronologico202454587\/t-023-00\/\" class=\"_self\" target=\"_self\" >T-023-00<\/a><\/h4>\n<div class=\"pt-cv-content\">\u00a0 \u00a0 Sentencia T-023\/00 \u00a0 ACCION DE NULIDAD Y RESTABLECIMIENTO DEL DERECHO PARA REINTEGRO AL CARGO\/PERJUICIO IRREMEDIABLE EN RETIRO DEL CARGO POR RESERVA MORAL-Inexistencia \u00a0 La acci\u00f3n correspondiente para reintegrarse al cargo de juez es la acci\u00f3n de nulidad y restablecimiento del derecho. Acci\u00f3n que la peticionaria de tutela instaur\u00f3, obteniendo, por parte del Tribunal Contencioso Administrativo de Antioquia, \u00a0sentencia favorable que en segunda instancia fue revocada por el Consejo de Estado, mediante sentencia del 30 de noviembre de 1995. Es decir, el caso fue decidido por la jurisdicci\u00f3n contencioso-administrativa. Sea cual fuere la consideraci\u00f3n que hubiere motivado la demora, ...<br \/><div class=\"pt-cv-rmwrap\"><a href=\"https:\/\/www.dmsjuridica.com\/buscador_20179478954\/corteconstitucionalcronologico202454587\/t-023-00\/\" class=\"_self pt-cv-readmore btn btn-success\" target=\"_self\">Ver Sentencia Completa...<\/a><\/div><\/div><\/div><\/div>\n<div class=\"col-md-12 col-sm-12 col-xs-12 pt-cv-content-item pt-cv-1-col\" ><div class='pt-cv-ifield'><a href=\"https:\/\/www.dmsjuridica.com\/buscador_20179478954\/corteconstitucionalcronologico202454587\/t-022-00\/\" class=\"_self pt-cv-href-thumbnail pt-cv-thumb-default\" target=\"_self\" ><\/a>\n<div class=\"pt-cv-taxoterm above_title\"><a href='https:\/\/www.dmsjuridica.com\/buscador_20179478954\/corteconstitucionalcronologico202454587\/category\/buscar-en-toda-la-corte\/2000\/tutelas-2000\/' title='Tutelas 2000' class='pt-cv-tax-tutelas-2000'>Tutelas 2000<\/a><\/div>\n<h4 class=\"pt-cv-title\"><a href=\"https:\/\/www.dmsjuridica.com\/buscador_20179478954\/corteconstitucionalcronologico202454587\/t-022-00\/\" class=\"_self\" target=\"_self\" >T-022-00<\/a><\/h4>\n<div class=\"pt-cv-content\">\u00a0 \u00a0 Sentencia T-022\/00 \u00a0 VIA DE HECHO-Actuaci\u00f3n del juez que ha perdido competencia \u00a0 Una modalidad ostensible de la v\u00eda de hecho consiste en la actuaci\u00f3n judicial que tiene lugar por fuera de la competencia del fallador, o habi\u00e9ndola ya perdido. Tal ocurre, por ejemplo, cuando se ha puesto final, mediante sentencia, a un proceso judicial y pretende el mismo juez o tribunal que la profiri\u00f3 volver a pronunciarse de fondo, modificando sustancialmente lo resuelto. O cuando el juez, desbordando los linderos de un recurso -establecido por la ley-, lo aprovecha para modificar la materia misma de lo decidido ...<br \/><div class=\"pt-cv-rmwrap\"><a href=\"https:\/\/www.dmsjuridica.com\/buscador_20179478954\/corteconstitucionalcronologico202454587\/t-022-00\/\" class=\"_self pt-cv-readmore btn btn-success\" target=\"_self\">Ver Sentencia Completa...<\/a><\/div><\/div><\/div><\/div>\n<div class=\"col-md-12 col-sm-12 col-xs-12 pt-cv-content-item pt-cv-1-col\" ><div class='pt-cv-ifield'><a href=\"https:\/\/www.dmsjuridica.com\/buscador_20179478954\/corteconstitucionalcronologico202454587\/t-021-00\/\" class=\"_self pt-cv-href-thumbnail pt-cv-thumb-default\" target=\"_self\" ><\/a>\n<div class=\"pt-cv-taxoterm above_title\"><a href='https:\/\/www.dmsjuridica.com\/buscador_20179478954\/corteconstitucionalcronologico202454587\/category\/buscar-en-toda-la-corte\/2000\/tutelas-2000\/' title='Tutelas 2000' class='pt-cv-tax-tutelas-2000'>Tutelas 2000<\/a><\/div>\n<h4 class=\"pt-cv-title\"><a href=\"https:\/\/www.dmsjuridica.com\/buscador_20179478954\/corteconstitucionalcronologico202454587\/t-021-00\/\" class=\"_self\" target=\"_self\" >T-021-00<\/a><\/h4>\n<div class=\"pt-cv-content\">\u00a0 \u00a0 Sentencia T-021\/00 \u00a0 VENDEDOR ESTACIONARIO\u00ad-Reubicaci\u00f3n \u00a0 Concedida la tutela, con base en la confianza leg\u00edtima y en el principio de la buena fe -para armonizar el objetivo de inter\u00e9s general con sus derechos individuales-, se ordene que sea reubicada de inmediato de modo que le sea posible trabajar con dignidad, en un sitio adecuado para ese fin, bajo la supervigilancia del juez de primer grado. \u00a0 Referencia: expediente T-246045 \u00a0 Acci\u00f3n de tutela instaurada por Belarmina Monroy Contra la Alcald\u00eda Menor de Santaf\u00e9, Localidad Tercera. \u00a0 Magistrado Ponente: \u00a0 Dr. JOSE GREGORIO HERNANDEZ GALINDO \u00a0 Sentencia aprobada en ...<br \/><div class=\"pt-cv-rmwrap\"><a href=\"https:\/\/www.dmsjuridica.com\/buscador_20179478954\/corteconstitucionalcronologico202454587\/t-021-00\/\" class=\"_self pt-cv-readmore btn btn-success\" target=\"_self\">Ver Sentencia Completa...<\/a><\/div><\/div><\/div><\/div>\n<div class=\"col-md-12 col-sm-12 col-xs-12 pt-cv-content-item pt-cv-1-col\" ><div class='pt-cv-ifield'><a href=\"https:\/\/www.dmsjuridica.com\/buscador_20179478954\/corteconstitucionalcronologico202454587\/t-020-00\/\" class=\"_self pt-cv-href-thumbnail pt-cv-thumb-default\" target=\"_self\" ><\/a>\n<div class=\"pt-cv-taxoterm above_title\"><a href='https:\/\/www.dmsjuridica.com\/buscador_20179478954\/corteconstitucionalcronologico202454587\/category\/buscar-en-toda-la-corte\/2000\/tutelas-2000\/' title='Tutelas 2000' class='pt-cv-tax-tutelas-2000'>Tutelas 2000<\/a><\/div>\n<h4 class=\"pt-cv-title\"><a href=\"https:\/\/www.dmsjuridica.com\/buscador_20179478954\/corteconstitucionalcronologico202454587\/t-020-00\/\" class=\"_self\" target=\"_self\" >T-020-00<\/a><\/h4>\n<div class=\"pt-cv-content\">\u00a0 \u00a0 Sentencia T-020\/00 \u00a0 DERECHO AL TRABAJO-Ejercicio del comercio informal\/ESPACIO PUBLICO-Preservaci\u00f3n \u00a0 El trabajo es un derecho y una obligaci\u00f3n social que goza de la especial protecci\u00f3n del Estado, y la Carta Pol\u00edtica se\u00f1ala que toda persona tiene derecho a un trabajo en condiciones dignas y justas. El art\u00edculo 334 Ib\u00eddem establece que el Estado intervendr\u00e1 de manera especial para asegurar el pleno empleo y conseguir que todas las personas, en particular las de menores ingresos, tengan acceso efectivo a los bienes y servicios b\u00e1sicos, todo lo cual se ver\u00eda frustrado en la pr\u00e1ctica si el derecho al trabajo ...<br \/><div class=\"pt-cv-rmwrap\"><a href=\"https:\/\/www.dmsjuridica.com\/buscador_20179478954\/corteconstitucionalcronologico202454587\/t-020-00\/\" class=\"_self pt-cv-readmore btn btn-success\" target=\"_self\">Ver Sentencia Completa...<\/a><\/div><\/div><\/div><\/div>\n<div class=\"col-md-12 col-sm-12 col-xs-12 pt-cv-content-item pt-cv-1-col\" ><div class='pt-cv-ifield'><a href=\"https:\/\/www.dmsjuridica.com\/buscador_20179478954\/corteconstitucionalcronologico202454587\/t-019-00\/\" class=\"_self pt-cv-href-thumbnail pt-cv-thumb-default\" target=\"_self\" ><\/a>\n<div class=\"pt-cv-taxoterm above_title\"><a href='https:\/\/www.dmsjuridica.com\/buscador_20179478954\/corteconstitucionalcronologico202454587\/category\/buscar-en-toda-la-corte\/2000\/tutelas-2000\/' title='Tutelas 2000' class='pt-cv-tax-tutelas-2000'>Tutelas 2000<\/a><\/div>\n<h4 class=\"pt-cv-title\"><a href=\"https:\/\/www.dmsjuridica.com\/buscador_20179478954\/corteconstitucionalcronologico202454587\/t-019-00\/\" class=\"_self\" target=\"_self\" >T-019-00<\/a><\/h4>\n<div class=\"pt-cv-content\">\u00a0 \u00a0 Sentencia T-019\/00 \u00a0 DERECHO DE PETICION-Violaci\u00f3n por falta de respuesta del ISS\/DERECHO A LA ATENCION MEDICA DE LOS ENFERMOS DE SIDA \u00a0 El Seguro Social ha incurrido en una mora inexcusable, pues, como lo reconoci\u00f3 en informe rendido al juez, no se hab\u00eda contestado la solicitud, presentada desde el 3 de marzo de 1998, alegando apenas ahora un error imputable a la entidad, que \"se deb\u00eda corregir\". No lo hizo, siendo de su cargo, y opt\u00f3 por abstenerse de dar respuesta a la respetuosa petici\u00f3n que se le formulaba. Con el fin de proteger el derecho a la ...<br \/><div class=\"pt-cv-rmwrap\"><a href=\"https:\/\/www.dmsjuridica.com\/buscador_20179478954\/corteconstitucionalcronologico202454587\/t-019-00\/\" class=\"_self pt-cv-readmore btn btn-success\" target=\"_self\">Ver Sentencia Completa...<\/a><\/div><\/div><\/div><\/div>\n<div class=\"col-md-12 col-sm-12 col-xs-12 pt-cv-content-item pt-cv-1-col\" ><div class='pt-cv-ifield'><a href=\"https:\/\/www.dmsjuridica.com\/buscador_20179478954\/corteconstitucionalcronologico202454587\/t-018-00\/\" class=\"_self pt-cv-href-thumbnail pt-cv-thumb-default\" target=\"_self\" ><\/a>\n<div class=\"pt-cv-taxoterm above_title\"><a href='https:\/\/www.dmsjuridica.com\/buscador_20179478954\/corteconstitucionalcronologico202454587\/category\/buscar-en-toda-la-corte\/2000\/tutelas-2000\/' title='Tutelas 2000' class='pt-cv-tax-tutelas-2000'>Tutelas 2000<\/a><\/div>\n<h4 class=\"pt-cv-title\"><a href=\"https:\/\/www.dmsjuridica.com\/buscador_20179478954\/corteconstitucionalcronologico202454587\/t-018-00\/\" class=\"_self\" target=\"_self\" >T-018-00<\/a><\/h4>\n<div class=\"pt-cv-content\">\u00a0 \u00a0 Sentencia T-018\/00 \u00a0 ACCION DE TUTELA-Procedencia excepcional pago de acreencias laborales \u00a0 Referencia: expediente T-242265 \u00a0 Magistrado Ponente: \u00a0 Dr. JOSE GREGORIO HERNANDEZ GALINDO \u00a0 Santa Fe de Bogot\u00e1, D.C., a los veinticuatro (24) d\u00edas del mes de enero de dos mil (2000). \u00a0 La Sala Quinta de Revisi\u00f3n de la Corte Constitucional, en ejercicio de sus competencias constitucionales y legales, espec\u00edficamente las previstas en los art\u00edculos 86 y \u00a0241, numeral 9, de la Constituci\u00f3n Pol\u00edtica y en el Decreto 2591 de 1991, ha proferido la siguiente \u00a0 SENTENCIA \u00a0 dentro del proceso de revisi\u00f3n del fallo dictado ...<br \/><div class=\"pt-cv-rmwrap\"><a href=\"https:\/\/www.dmsjuridica.com\/buscador_20179478954\/corteconstitucionalcronologico202454587\/t-018-00\/\" class=\"_self pt-cv-readmore btn btn-success\" target=\"_self\">Ver Sentencia Completa...<\/a><\/div><\/div><\/div><\/div>\n<div class=\"col-md-12 col-sm-12 col-xs-12 pt-cv-content-item pt-cv-1-col\" ><div class='pt-cv-ifield'><a href=\"https:\/\/www.dmsjuridica.com\/buscador_20179478954\/corteconstitucionalcronologico202454587\/t-017-00\/\" class=\"_self pt-cv-href-thumbnail pt-cv-thumb-default\" target=\"_self\" ><\/a>\n<div class=\"pt-cv-taxoterm above_title\"><a href='https:\/\/www.dmsjuridica.com\/buscador_20179478954\/corteconstitucionalcronologico202454587\/category\/buscar-en-toda-la-corte\/2000\/tutelas-2000\/' title='Tutelas 2000' class='pt-cv-tax-tutelas-2000'>Tutelas 2000<\/a><\/div>\n<h4 class=\"pt-cv-title\"><a href=\"https:\/\/www.dmsjuridica.com\/buscador_20179478954\/corteconstitucionalcronologico202454587\/t-017-00\/\" class=\"_self\" target=\"_self\" >T-017-00<\/a><\/h4>\n<div class=\"pt-cv-content\">\u00a0 \u00a0 Sentencia T-017\/00 \u00a0 ACCION DE TUTELA CONTRA PARTICULARES-Procedencia contra empresa\/DERECHO DE PETICION FRENTE AL EMPLEADOR \u00a0 Cuando la reclamaci\u00f3n del empleado se refiere a asuntos que \u00fanicamente conciernen al peticionario y al particular de quien se pide la respuesta, en relaci\u00f3n con el nexo laboral que los une, no puede el empleador invocar al sigilo; la reserva o su derecho a la intimidad, para negarse a responderle acerca de los interrogantes que formule o de las inquietudes que manifieste en torno a derechos y prerrogativas de la mencionada \u00edndole, pues una conducta como la descrita atenta contra el ...<br \/><div class=\"pt-cv-rmwrap\"><a href=\"https:\/\/www.dmsjuridica.com\/buscador_20179478954\/corteconstitucionalcronologico202454587\/t-017-00\/\" class=\"_self pt-cv-readmore btn btn-success\" target=\"_self\">Ver Sentencia Completa...<\/a><\/div><\/div><\/div><\/div>\n<div class=\"col-md-12 col-sm-12 col-xs-12 pt-cv-content-item pt-cv-1-col\" ><div class='pt-cv-ifield'><a href=\"https:\/\/www.dmsjuridica.com\/buscador_20179478954\/corteconstitucionalcronologico202454587\/t-016-00\/\" class=\"_self pt-cv-href-thumbnail pt-cv-thumb-default\" target=\"_self\" ><\/a>\n<div class=\"pt-cv-taxoterm above_title\"><a href='https:\/\/www.dmsjuridica.com\/buscador_20179478954\/corteconstitucionalcronologico202454587\/category\/buscar-en-toda-la-corte\/2000\/tutelas-2000\/' title='Tutelas 2000' class='pt-cv-tax-tutelas-2000'>Tutelas 2000<\/a><\/div>\n<h4 class=\"pt-cv-title\"><a href=\"https:\/\/www.dmsjuridica.com\/buscador_20179478954\/corteconstitucionalcronologico202454587\/t-016-00\/\" class=\"_self\" target=\"_self\" >T-016-00<\/a><\/h4>\n<div class=\"pt-cv-content\">\u00a0 \u00a0 Sentencia T-016\/00 \u00a0 IGUALDAD DE LOS HIJOS \u00a0 Para la Constituci\u00f3n lo que interesa en primer lugar es la dignidad de la persona y muy espec\u00edficamente el car\u00e1cter de hijo que pueda predicarse de alguien respecto de otro, el cual le otorga en esa condici\u00f3n unos derechos que dependen de la relaci\u00f3n filial y no de la clase y forma de relaciones entre los progenitores. El texto constitucional es claro en otorgar a todos los hijos los mismos derechos y obligaciones, sin que quede al arbitrio de los padres, y menos de terceros (colegios o instituciones) escoger cu\u00e1les ...<br \/><div class=\"pt-cv-rmwrap\"><a href=\"https:\/\/www.dmsjuridica.com\/buscador_20179478954\/corteconstitucionalcronologico202454587\/t-016-00\/\" class=\"_self pt-cv-readmore btn btn-success\" target=\"_self\">Ver Sentencia Completa...<\/a><\/div><\/div><\/div><\/div>\n<div class=\"col-md-12 col-sm-12 col-xs-12 pt-cv-content-item pt-cv-1-col\" ><div class='pt-cv-ifield'><a href=\"https:\/\/www.dmsjuridica.com\/buscador_20179478954\/corteconstitucionalcronologico202454587\/t-009-00\/\" class=\"_self pt-cv-href-thumbnail pt-cv-thumb-default\" target=\"_self\" ><\/a>\n<div class=\"pt-cv-taxoterm above_title\"><a href='https:\/\/www.dmsjuridica.com\/buscador_20179478954\/corteconstitucionalcronologico202454587\/category\/buscar-en-toda-la-corte\/2000\/tutelas-2000\/' title='Tutelas 2000' class='pt-cv-tax-tutelas-2000'>Tutelas 2000<\/a><\/div>\n<h4 class=\"pt-cv-title\"><a href=\"https:\/\/www.dmsjuridica.com\/buscador_20179478954\/corteconstitucionalcronologico202454587\/t-009-00\/\" class=\"_self\" target=\"_self\" >T-009-00<\/a><\/h4>\n<div class=\"pt-cv-content\">\u00a0 \u00a0 Sentencia T-009\/00 \u00a0 MEDIO DE DEFENSA JUDICIAL LABORAL-Procedencia de tutela cuando no protege suficientemente los derechos fundamentales \u00a0 Por regla general las cuestiones laborales deben ser discutidas y decididas en la jurisdicci\u00f3n laboral. Sin embargo, existen dos excepciones a esta regla. En primer lugar, la acci\u00f3n de tutela puede proceder, como mecanismo transitorio, cuando se trata de evitar la consumaci\u00f3n de un perjuicio irremediable de car\u00e1cter iusfundamental. En segundo t\u00e9rmino, cuando no existe, ante la jurisdicci\u00f3n natural, una acci\u00f3n capaz de restablecer integralmente el derecho fundamental comprometido. \u00a0 DEBIDO PROCESO A TRABAJADOR POR DECLARACION DE ILEGALIDAD DE LA ...<br \/><div class=\"pt-cv-rmwrap\"><a href=\"https:\/\/www.dmsjuridica.com\/buscador_20179478954\/corteconstitucionalcronologico202454587\/t-009-00\/\" class=\"_self pt-cv-readmore btn btn-success\" target=\"_self\">Ver Sentencia Completa...<\/a><\/div><\/div><\/div><\/div>\n<div class=\"col-md-12 col-sm-12 col-xs-12 pt-cv-content-item pt-cv-1-col\" ><div class='pt-cv-ifield'><a href=\"https:\/\/www.dmsjuridica.com\/buscador_20179478954\/corteconstitucionalcronologico202454587\/t-008-00\/\" class=\"_self pt-cv-href-thumbnail pt-cv-thumb-default\" target=\"_self\" ><\/a>\n<div class=\"pt-cv-taxoterm above_title\"><a href='https:\/\/www.dmsjuridica.com\/buscador_20179478954\/corteconstitucionalcronologico202454587\/category\/buscar-en-toda-la-corte\/2000\/tutelas-2000\/' title='Tutelas 2000' class='pt-cv-tax-tutelas-2000'>Tutelas 2000<\/a><\/div>\n<h4 class=\"pt-cv-title\"><a href=\"https:\/\/www.dmsjuridica.com\/buscador_20179478954\/corteconstitucionalcronologico202454587\/t-008-00\/\" class=\"_self\" target=\"_self\" >T-008-00<\/a><\/h4>\n<div class=\"pt-cv-content\">\u00a0 \u00a0 Sentencia T-008\/00 \u00a0 LEGITIMACION POR ACTIVA EN TUTELA\/ACCION DE TUTELA-Interposici\u00f3n de acci\u00f3n en nombre de los compa\u00f1eros de trabajo \u00a0 Si bien es cierto en el escrito de demanda se hizo alusi\u00f3n expresa a que el trabajador que lo present\u00f3 actuaba a nombre de otros, sin que tuviera poder alguno para representarlos judicialmente, sin que tampoco tuviera la calidad de abogado, y sin hacer manifestaci\u00f3n acerca de la imposibilidad de sus agenciados para ejercer su propia defensa, tambi\u00e9n es importante resaltar que al libelo fueron anexados documentos suscritos por los trabajadores a nombre de los cuales se dijo ...<br \/><div class=\"pt-cv-rmwrap\"><a href=\"https:\/\/www.dmsjuridica.com\/buscador_20179478954\/corteconstitucionalcronologico202454587\/t-008-00\/\" class=\"_self pt-cv-readmore btn btn-success\" target=\"_self\">Ver Sentencia Completa...<\/a><\/div><\/div><\/div><\/div>\n<div class=\"col-md-12 col-sm-12 col-xs-12 pt-cv-content-item pt-cv-1-col\" ><div class='pt-cv-ifield'><a href=\"https:\/\/www.dmsjuridica.com\/buscador_20179478954\/corteconstitucionalcronologico202454587\/t-007-00\/\" class=\"_self pt-cv-href-thumbnail pt-cv-thumb-default\" target=\"_self\" ><\/a>\n<div class=\"pt-cv-taxoterm above_title\"><a href='https:\/\/www.dmsjuridica.com\/buscador_20179478954\/corteconstitucionalcronologico202454587\/category\/buscar-en-toda-la-corte\/2000\/tutelas-2000\/' title='Tutelas 2000' class='pt-cv-tax-tutelas-2000'>Tutelas 2000<\/a><\/div>\n<h4 class=\"pt-cv-title\"><a href=\"https:\/\/www.dmsjuridica.com\/buscador_20179478954\/corteconstitucionalcronologico202454587\/t-007-00\/\" class=\"_self\" target=\"_self\" >T-007-00<\/a><\/h4>\n<div class=\"pt-cv-content\">\u00a0 \u00a0 Sentencia T-007\/00 \u00a0 ACCION DE TUTELA-Procedencia excepcional pago de acreencias laborales\/CONCORDATO PREVENTIVO OBLIGATORIO-Pago preferente de salarios \u00a0 La existencia de un proceso concordatario no exime a una empresa de su obligaci\u00f3n de seguir cancelando los salarios y aportes a la seguridad social de sus empleados, pues estos se consideran como gastos de administraci\u00f3n, de pago preferente. \u00a0 Referencia: expediente T-246991 \u00a0 Acci\u00f3n de tutela instaurada por Edgar Ruiz D\u00edaz contra la Sociedad \"Mecanizados y Motores S.A.\"\u00a0 \u00a0 Magistrado Ponente: \u00a0 Dr. JOSE GREGORIO HERNANDEZ GALINDO \u00a0 Aprobada en Santa Fe de Bogot\u00e1, D.C., a los trece (13) d\u00edas ...<br \/><div class=\"pt-cv-rmwrap\"><a href=\"https:\/\/www.dmsjuridica.com\/buscador_20179478954\/corteconstitucionalcronologico202454587\/t-007-00\/\" class=\"_self pt-cv-readmore btn btn-success\" target=\"_self\">Ver Sentencia Completa...<\/a><\/div><\/div><\/div><\/div>\n<div class=\"col-md-12 col-sm-12 col-xs-12 pt-cv-content-item pt-cv-1-col\" ><div class='pt-cv-ifield'><a href=\"https:\/\/www.dmsjuridica.com\/buscador_20179478954\/corteconstitucionalcronologico202454587\/t-006-00\/\" class=\"_self pt-cv-href-thumbnail pt-cv-thumb-default\" target=\"_self\" ><\/a>\n<div class=\"pt-cv-taxoterm above_title\"><a href='https:\/\/www.dmsjuridica.com\/buscador_20179478954\/corteconstitucionalcronologico202454587\/category\/buscar-en-toda-la-corte\/2000\/tutelas-2000\/' title='Tutelas 2000' class='pt-cv-tax-tutelas-2000'>Tutelas 2000<\/a><\/div>\n<h4 class=\"pt-cv-title\"><a href=\"https:\/\/www.dmsjuridica.com\/buscador_20179478954\/corteconstitucionalcronologico202454587\/t-006-00\/\" class=\"_self\" target=\"_self\" >T-006-00<\/a><\/h4>\n<div class=\"pt-cv-content\">\u00a0 \u00a0 Sentencia T-006\/00 \u00a0 SENTENCIA INHIBITORIA EN TUTELA-Improcedencia \u00a0 Estatuye que el contenido del fallo de tutela no podr\u00e1 ser inhibitorio. Por lo cual, el juez debe, oficiosamente, utilizar todos los mecanismos legales \u00a0que le permitan remover los obst\u00e1culos puramente formales para evitar que el fallo resulte in\u00fatil, que trate el problema superficialmente o que lo deje sin respuesta. \u00a0 LEGITIMACION POR ACTIVA EN TUTELA-Hija en representaci\u00f3n de la madre \u00a0 La demandante -hija de la afectada- actu\u00f3 con el convencimiento fundado en torno a la imposibilidad de aqu\u00e9lla para asumir su propia defensa, puesto que aparte de todos ...<br \/><div class=\"pt-cv-rmwrap\"><a href=\"https:\/\/www.dmsjuridica.com\/buscador_20179478954\/corteconstitucionalcronologico202454587\/t-006-00\/\" class=\"_self pt-cv-readmore btn btn-success\" target=\"_self\">Ver Sentencia Completa...<\/a><\/div><\/div><\/div><\/div>\n<div class=\"col-md-12 col-sm-12 col-xs-12 pt-cv-content-item pt-cv-1-col\" ><div class='pt-cv-ifield'><a href=\"https:\/\/www.dmsjuridica.com\/buscador_20179478954\/corteconstitucionalcronologico202454587\/t-005-00\/\" class=\"_self pt-cv-href-thumbnail pt-cv-thumb-default\" target=\"_self\" ><\/a>\n<div class=\"pt-cv-taxoterm above_title\"><a href='https:\/\/www.dmsjuridica.com\/buscador_20179478954\/corteconstitucionalcronologico202454587\/category\/buscar-en-toda-la-corte\/2000\/tutelas-2000\/' title='Tutelas 2000' class='pt-cv-tax-tutelas-2000'>Tutelas 2000<\/a><\/div>\n<h4 class=\"pt-cv-title\"><a href=\"https:\/\/www.dmsjuridica.com\/buscador_20179478954\/corteconstitucionalcronologico202454587\/t-005-00\/\" class=\"_self\" target=\"_self\" >T-005-00<\/a><\/h4>\n<div class=\"pt-cv-content\">\u00a0 \u00a0 Sentencia T-005\/00 \u00a0 MEDIO DE DEFENSA JUDICIAL-Reintegro de mujer despedida por embarazo \u00a0 ACCION DE TUTELA TRANSITORIA DEL DERECHO A LA ESTABILIDAD LABORAL REFORZADA DE MUJER EMBARAZADA \u00a0 Referencia: expediente T-239345 \u00a0 Acci\u00f3n de tutela incoada por Gina Adarraga G\u00f3mez contra \"Eficacia S.A.\" y \"Colgate-Palmolive Compa\u00f1\u00eda\". \u00a0 Magistrado Ponente: \u00a0 Dr. JOSE GREGORIO HERNANDEZ GALINDO\u00a0 \u00a0 Aprobada en Santa Fe de Bogot\u00e1, D.C., a los trece (13) d\u00edas del mes de enero de dos mil (2000). \u00a0 SENTENCIA \u00a0 dentro del proceso de revisi\u00f3n de los fallos proferidos en el asunto de la referencia por el Juzgado Segundo ...<br \/><div class=\"pt-cv-rmwrap\"><a href=\"https:\/\/www.dmsjuridica.com\/buscador_20179478954\/corteconstitucionalcronologico202454587\/t-005-00\/\" class=\"_self pt-cv-readmore btn btn-success\" target=\"_self\">Ver Sentencia Completa...<\/a><\/div><\/div><\/div><\/div>\n<div class=\"col-md-12 col-sm-12 col-xs-12 pt-cv-content-item pt-cv-1-col\" ><div class='pt-cv-ifield'><a href=\"https:\/\/www.dmsjuridica.com\/buscador_20179478954\/corteconstitucionalcronologico202454587\/t-004-00\/\" class=\"_self pt-cv-href-thumbnail pt-cv-thumb-default\" target=\"_self\" ><\/a>\n<div class=\"pt-cv-taxoterm above_title\"><a href='https:\/\/www.dmsjuridica.com\/buscador_20179478954\/corteconstitucionalcronologico202454587\/category\/buscar-en-toda-la-corte\/2000\/tutelas-2000\/' title='Tutelas 2000' class='pt-cv-tax-tutelas-2000'>Tutelas 2000<\/a><\/div>\n<h4 class=\"pt-cv-title\"><a href=\"https:\/\/www.dmsjuridica.com\/buscador_20179478954\/corteconstitucionalcronologico202454587\/t-004-00\/\" class=\"_self\" target=\"_self\" >T-004-00<\/a><\/h4>\n<div class=\"pt-cv-content\">\u00a0 \u00a0 Sentencia T-004\/00 \u00a0 CONFLICTO NEGATIVO DE COMPETENCIAS-Para dar cumplimiento a fallo de Secci\u00f3n Segunda del Consejo de Estado\/ACCION DE DEFINICION DE COMPETENCIAS-Para dar cumplimiento a fallo de Secci\u00f3n Segunda del Consejo de Estado\/REINTEGRO AL CARGO DE JUEZ DE INSTRUCCION CRIMINAL-Improcedencia de tutela \u00a0 Referencia: expediente T-247087 \u00a0 Acci\u00f3n de tutela contra el Tribunal Superior de Santaf\u00e9 de Bogot\u00e1, y el Consejo Superior de la Judicatura, \u00a0por una presunta violaci\u00f3n de los derechos al trabajo y de libre acceso a la Administraci\u00f3n de Justicia. \u00a0 Tema: \u00a0 Conflicto negativo de competencias y acci\u00f3n de definici\u00f3n de competencias. \u00a0 Actor: ...<br \/><div class=\"pt-cv-rmwrap\"><a href=\"https:\/\/www.dmsjuridica.com\/buscador_20179478954\/corteconstitucionalcronologico202454587\/t-004-00\/\" class=\"_self pt-cv-readmore btn btn-success\" target=\"_self\">Ver Sentencia Completa...<\/a><\/div><\/div><\/div><\/div>\n<div class=\"col-md-12 col-sm-12 col-xs-12 pt-cv-content-item pt-cv-1-col\" ><div class='pt-cv-ifield'><a href=\"https:\/\/www.dmsjuridica.com\/buscador_20179478954\/corteconstitucionalcronologico202454587\/t-003-00\/\" class=\"_self pt-cv-href-thumbnail pt-cv-thumb-default\" target=\"_self\" ><\/a>\n<div class=\"pt-cv-taxoterm above_title\"><a href='https:\/\/www.dmsjuridica.com\/buscador_20179478954\/corteconstitucionalcronologico202454587\/category\/buscar-en-toda-la-corte\/2000\/tutelas-2000\/' title='Tutelas 2000' class='pt-cv-tax-tutelas-2000'>Tutelas 2000<\/a><\/div>\n<h4 class=\"pt-cv-title\"><a href=\"https:\/\/www.dmsjuridica.com\/buscador_20179478954\/corteconstitucionalcronologico202454587\/t-003-00\/\" class=\"_self\" target=\"_self\" >T-003-00<\/a><\/h4>\n<div class=\"pt-cv-content\">\u00a0 \u00a0 Sentencia T-003\/00 \u00a0 SISBEN-Modificaci\u00f3n de datos\/SISBEN-Nueva calificaci\u00f3n de la situaci\u00f3n socioecon\u00f3mica \u00a0 La administraci\u00f3n municipal no procedi\u00f3 de la manera que qued\u00f3 dicha, sino que unilateralmente introdujo los recortes de beneficios, y los usuarios pobres del sistema s\u00f3lo se enteraron de esas modificaciones cuando acudieron, como la actora, en busca de una atenci\u00f3n que hasta entonces hab\u00edan recibido y ahora se les niega. La consecuencia ineludible de esta verificaci\u00f3n, es que la alcald\u00eda s\u00ed le viol\u00f3 el derecho al debido proceso a la demandante y, por conexidad, tambi\u00e9n le vulner\u00f3 sus derechos a la seguridad social, la salud, ...<br \/><div class=\"pt-cv-rmwrap\"><a href=\"https:\/\/www.dmsjuridica.com\/buscador_20179478954\/corteconstitucionalcronologico202454587\/t-003-00\/\" class=\"_self pt-cv-readmore btn btn-success\" target=\"_self\">Ver Sentencia Completa...<\/a><\/div><\/div><\/div><\/div>\n<div class=\"col-md-12 col-sm-12 col-xs-12 pt-cv-content-item pt-cv-1-col\" ><div class='pt-cv-ifield'><a href=\"https:\/\/www.dmsjuridica.com\/buscador_20179478954\/corteconstitucionalcronologico202454587\/t-002-00\/\" class=\"_self pt-cv-href-thumbnail pt-cv-thumb-default\" target=\"_self\" ><\/a>\n<div class=\"pt-cv-taxoterm above_title\"><a href='https:\/\/www.dmsjuridica.com\/buscador_20179478954\/corteconstitucionalcronologico202454587\/category\/buscar-en-toda-la-corte\/2000\/tutelas-2000\/' title='Tutelas 2000' class='pt-cv-tax-tutelas-2000'>Tutelas 2000<\/a><\/div>\n<h4 class=\"pt-cv-title\"><a href=\"https:\/\/www.dmsjuridica.com\/buscador_20179478954\/corteconstitucionalcronologico202454587\/t-002-00\/\" class=\"_self\" target=\"_self\" >T-002-00<\/a><\/h4>\n<div class=\"pt-cv-content\">\u00a0 \u00a0 Sentencia T-002\/00 \u00a0 EXTINCION DE DOMINIO-Bienes de pariente de presunto narcotraficante \u00a0 Queda desvirtuada la afirmaci\u00f3n de que s\u00f3lo por ser hermana de ... se vincul\u00f3 a la actora al proceso de extinci\u00f3n de dominio en el que se incluy\u00f3 el inmueble que figura registrado a nombre de ella y su esposo; las pruebas en las que se bas\u00f3 la Unidad de Extinci\u00f3n de Dominio para proceder de esa manera est\u00e1n claramente indicadas en la resoluci\u00f3n que le fue notificada, y la accionante cuenta con la oportunidad procesal para controvertirlas en el proceso que est\u00e1 en curso. En ...<br \/><div class=\"pt-cv-rmwrap\"><a href=\"https:\/\/www.dmsjuridica.com\/buscador_20179478954\/corteconstitucionalcronologico202454587\/t-002-00\/\" class=\"_self pt-cv-readmore btn btn-success\" target=\"_self\">Ver Sentencia Completa...<\/a><\/div><\/div><\/div><\/div>\n<div class=\"col-md-12 col-sm-12 col-xs-12 pt-cv-content-item pt-cv-1-col\" ><div class='pt-cv-ifield'><a href=\"https:\/\/www.dmsjuridica.com\/buscador_20179478954\/corteconstitucionalcronologico202454587\/t-001-00\/\" class=\"_self pt-cv-href-thumbnail pt-cv-thumb-default\" target=\"_self\" ><\/a>\n<div class=\"pt-cv-taxoterm above_title\"><a href='https:\/\/www.dmsjuridica.com\/buscador_20179478954\/corteconstitucionalcronologico202454587\/category\/buscar-en-toda-la-corte\/2000\/tutelas-2000\/' title='Tutelas 2000' class='pt-cv-tax-tutelas-2000'>Tutelas 2000<\/a><\/div>\n<h4 class=\"pt-cv-title\"><a href=\"https:\/\/www.dmsjuridica.com\/buscador_20179478954\/corteconstitucionalcronologico202454587\/t-001-00\/\" class=\"_self\" target=\"_self\" >T-001-00<\/a><\/h4>\n<div class=\"pt-cv-content\">\u00a0 \u00a0 Sentencia T-001\/00 \u00a0 DERECHO A LA ATENCION MEDICA INTEGRAL DE ANCIANO-Examen urgente\/REVISION FALLO DE TUTELA-Fallecimiento del actor \u00a0 La Corte considera necesario subrayar que la actividad de las entidades responsables de mantener la seguridad social en cuanto se refiere a las personas de la tercera edad est\u00e1n sujetas a la exigencia espec\u00edfica de cobijar todos los aspectos de la salud de los beneficiarios, que no otro es el significado de la expresi\u00f3n \"integral\", usada por el Constituyente para referirse al contenido de la seguridad social que debe brindarse a los ancianos. Por tanto, el alcance de la protecci\u00f3n ...<br \/><div class=\"pt-cv-rmwrap\"><a href=\"https:\/\/www.dmsjuridica.com\/buscador_20179478954\/corteconstitucionalcronologico202454587\/t-001-00\/\" class=\"_self pt-cv-readmore btn btn-success\" target=\"_self\">Ver Sentencia Completa...<\/a><\/div><\/div><\/div><\/div><\/div><\/div><\/div>\n","protected":false},"excerpt":{"rendered":"","protected":false},"author":1,"featured_media":0,"parent":0,"menu_order":0,"comment_status":"closed","ping_status":"closed","template":"","meta":{"footnotes":""},"class_list":["post-29582","page","type-page","status-publish","hentry"],"_links":{"self":[{"href":"https:\/\/www.dmsjuridica.com\/buscador_20179478954\/corteconstitucionalcronologico202454587\/wp-json\/wp\/v2\/pages\/29582","targetHints":{"allow":["GET"]}}],"collection":[{"href":"https:\/\/www.dmsjuridica.com\/buscador_20179478954\/corteconstitucionalcronologico202454587\/wp-json\/wp\/v2\/pages"}],"about":[{"href":"https:\/\/www.dmsjuridica.com\/buscador_20179478954\/corteconstitucionalcronologico202454587\/wp-json\/wp\/v2\/types\/page"}],"author":[{"embeddable":true,"href":"https:\/\/www.dmsjuridica.com\/buscador_20179478954\/corteconstitucionalcronologico202454587\/wp-json\/wp\/v2\/users\/1"}],"replies":[{"embeddable":true,"href":"https:\/\/www.dmsjuridica.com\/buscador_20179478954\/corteconstitucionalcronologico202454587\/wp-json\/wp\/v2\/comments?post=29582"}],"version-history":[{"count":2,"href":"https:\/\/www.dmsjuridica.com\/buscador_20179478954\/corteconstitucionalcronologico202454587\/wp-json\/wp\/v2\/pages\/29582\/revisions"}],"predecessor-version":[{"id":31401,"href":"https:\/\/www.dmsjuridica.com\/buscador_20179478954\/corteconstitucionalcronologico202454587\/wp-json\/wp\/v2\/pages\/29582\/revisions\/31401"}],"wp:attachment":[{"href":"https:\/\/www.dmsjuridica.com\/buscador_20179478954\/corteconstitucionalcronologico202454587\/wp-json\/wp\/v2\/media?parent=29582"}],"curies":[{"name":"wp","href":"https:\/\/api.w.org\/{rel}","templated":true}]}}