{"id":29584,"date":"2024-07-12T11:32:56","date_gmt":"2024-07-12T16:32:56","guid":{"rendered":"https:\/\/www.dmsjuridica.com\/buscador_20179478954\/corteconstitucionalcronologico202454587\/?page_id=29584"},"modified":"2025-11-27T11:37:16","modified_gmt":"2025-11-27T16:37:16","slug":"tutelas-2001","status":"publish","type":"page","link":"https:\/\/www.dmsjuridica.com\/buscador_20179478954\/corteconstitucionalcronologico202454587\/tutelas-2001\/","title":{"rendered":"Tutelas 2001"},"content":{"rendered":"<div class=\"pt-cv-wrapper\"><div class=\"pt-cv-view pt-cv-grid pt-cv-colsys\" id=\"pt-cv-view-3750a31vxp\"><div data-id=\"pt-cv-page-1\" class=\"pt-cv-page\" data-cvc=\"1\"><div class=\"col-md-12 col-sm-12 col-xs-12 pt-cv-content-item pt-cv-1-col\" ><div class='pt-cv-ifield'><a href=\"https:\/\/www.dmsjuridica.com\/buscador_20179478954\/corteconstitucionalcronologico202454587\/t-999-01\/\" class=\"_self pt-cv-href-thumbnail pt-cv-thumb-default\" target=\"_self\" ><\/a>\n<div class=\"pt-cv-taxoterm above_title\"><a href='https:\/\/www.dmsjuridica.com\/buscador_20179478954\/corteconstitucionalcronologico202454587\/category\/buscar-en-toda-la-corte\/2001\/tutelas-2001\/' title='Tutelas 2001' class='pt-cv-tax-tutelas-2001'>Tutelas 2001<\/a><\/div>\n<h4 class=\"pt-cv-title\"><a href=\"https:\/\/www.dmsjuridica.com\/buscador_20179478954\/corteconstitucionalcronologico202454587\/t-999-01\/\" class=\"_self\" target=\"_self\" >T-999-01<\/a><\/h4>\n<div class=\"pt-cv-content\">\u00a0 \u00a0 Sentencia T-999\/01 \u00a0 \u00a0 \u00a0 \u00a0 \u00a0 \u00a0 \u00a0\u00a0 \u00a0 ACCION DE TUTELA-Improcedencia para ordenar reconocimiento de pensiones \u00a0 DERECHO DE PETICION-Vulneraci\u00f3n\/DERECHO DE PETICION-No constituye respuesta informaci\u00f3n suministrada al juez de tutela \u00a0 BONOS PENSIONALES-Demora en la emisi\u00f3n impide acceso a pensi\u00f3n de jubilaci\u00f3n\/SEGURO SOCIAL-Emisi\u00f3n oportuna del bono pensional \u00a0 Referencia: expediente T-444.617 \u00a0 \u00a0 \u00a0 \u00a0 \u00a0 \u00a0\u00a0 \u00a0 Acci\u00f3n de tutela instaurada por Mario de Jes\u00fas Gallego Londo\u00f1o contra las Empresas P\u00fablicas de Medell\u00edn E.S.P y el Instituto de Seguros Sociales, Seccional Medell\u00edn.\u00a0 \u00a0 Magistrado Ponente:\u00a0 \u00a0 Dr. RODRIGO ESCOBAR GIL. \u00a0 Bogot\u00e1, D.C., septiembre dieciocho ...<br \/><div class=\"pt-cv-rmwrap\"><a href=\"https:\/\/www.dmsjuridica.com\/buscador_20179478954\/corteconstitucionalcronologico202454587\/t-999-01\/\" class=\"_self pt-cv-readmore btn btn-success\" target=\"_self\">Ver Sentencia Completa...<\/a><\/div><\/div><\/div><\/div>\n<div class=\"col-md-12 col-sm-12 col-xs-12 pt-cv-content-item pt-cv-1-col\" ><div class='pt-cv-ifield'><a href=\"https:\/\/www.dmsjuridica.com\/buscador_20179478954\/corteconstitucionalcronologico202454587\/t-991-01\/\" class=\"_self pt-cv-href-thumbnail pt-cv-thumb-default\" target=\"_self\" ><\/a>\n<div class=\"pt-cv-taxoterm above_title\"><a href='https:\/\/www.dmsjuridica.com\/buscador_20179478954\/corteconstitucionalcronologico202454587\/category\/buscar-en-toda-la-corte\/2001\/tutelas-2001\/' title='Tutelas 2001' class='pt-cv-tax-tutelas-2001'>Tutelas 2001<\/a><\/div>\n<h4 class=\"pt-cv-title\"><a href=\"https:\/\/www.dmsjuridica.com\/buscador_20179478954\/corteconstitucionalcronologico202454587\/t-991-01\/\" class=\"_self\" target=\"_self\" >T-991-01<\/a><\/h4>\n<div class=\"pt-cv-content\">\u00a0 \u00a0 Sentencia T-991\/01 \u00a0 EMPLEADOR-Situaci\u00f3n econ\u00f3mica o presupuestal no es \u00f3bice para desconocer obligaciones laborales \u00a0 DERECHO A LA VIDA DIGNA DEL PENSIONADO-Pago oportuno de mesadas \u00a0 -Reiteraci\u00f3n de Jurisprudencia- \u00a0 Referencia: expediente T-463106. \u00a0 Acci\u00f3n de tutela instaurada por Denis Camargo de Pont\u00f3n contra la Alcald\u00eda Distrital, la Secretar\u00eda de Hacienda Distrital y el Fondo Territorial de Pensiones de Barranquilla. \u00a0 Magistrado Ponente: \u00a0 Dr. RODRIGO ESCOBAR GIL. \u00a0 Bogot\u00e1, D. C., dieciocho (18) de septiembre del a\u00f1o dos mil uno (2001). \u00a0 La Sala Quinta de Revisi\u00f3n de la Corte Constitucional, en ejercicio de sus competencias constitucionales ...<br \/><div class=\"pt-cv-rmwrap\"><a href=\"https:\/\/www.dmsjuridica.com\/buscador_20179478954\/corteconstitucionalcronologico202454587\/t-991-01\/\" class=\"_self pt-cv-readmore btn btn-success\" target=\"_self\">Ver Sentencia Completa...<\/a><\/div><\/div><\/div><\/div>\n<div class=\"col-md-12 col-sm-12 col-xs-12 pt-cv-content-item pt-cv-1-col\" ><div class='pt-cv-ifield'><a href=\"https:\/\/www.dmsjuridica.com\/buscador_20179478954\/corteconstitucionalcronologico202454587\/t-990-01\/\" class=\"_self pt-cv-href-thumbnail pt-cv-thumb-default\" target=\"_self\" ><\/a>\n<div class=\"pt-cv-taxoterm above_title\"><a href='https:\/\/www.dmsjuridica.com\/buscador_20179478954\/corteconstitucionalcronologico202454587\/category\/buscar-en-toda-la-corte\/2001\/tutelas-2001\/' title='Tutelas 2001' class='pt-cv-tax-tutelas-2001'>Tutelas 2001<\/a><\/div>\n<h4 class=\"pt-cv-title\"><a href=\"https:\/\/www.dmsjuridica.com\/buscador_20179478954\/corteconstitucionalcronologico202454587\/t-990-01\/\" class=\"_self\" target=\"_self\" >T-990-01<\/a><\/h4>\n<div class=\"pt-cv-content\">\u00a0 \u00a0 Sentencia T-990\/01 \u00a0 ACCION DE TUTELA TEMERARIA-Inexistencia por reclamar periodos de pensiones distintos \u00a0 LLAMADO A PREVENCION-No torna improcedente la tutela \u00a0 ACCION DE TUTELA-Procedencia excepcional pago de mesadas pensionales \u00a0 DERECHO AL MINIMO VITAL DEL PENSIONADO-Pago oportuno de mesadas \u00a0 Referencia: expediente T-462479 \u00a0 Accionante: Leonardo Mar\u00edn \u00a0 Procedencia:\u00a0 \u00a0 Juzgado Promiscuo Municipal de Zaragoza.\u00a0 \u00a0 Magistrado Ponente: \u00a0 Dr. EDUARDO MONTEALEGRE LYNETT \u00a0 Bogot\u00e1, D.C. trece (13) de septiembre de dos mil uno (2001).\u00a0 \u00a0 La Sala S\u00e9ptima de Revisi\u00f3n de la Corte Constitucional, integrada por los Magistrados Alvaro Tafur Galvis, Clara In\u00e9s Vargas Hern\u00e1ndez y ...<br \/><div class=\"pt-cv-rmwrap\"><a href=\"https:\/\/www.dmsjuridica.com\/buscador_20179478954\/corteconstitucionalcronologico202454587\/t-990-01\/\" class=\"_self pt-cv-readmore btn btn-success\" target=\"_self\">Ver Sentencia Completa...<\/a><\/div><\/div><\/div><\/div>\n<div class=\"col-md-12 col-sm-12 col-xs-12 pt-cv-content-item pt-cv-1-col\" ><div class='pt-cv-ifield'><a href=\"https:\/\/www.dmsjuridica.com\/buscador_20179478954\/corteconstitucionalcronologico202454587\/t-989-01\/\" class=\"_self pt-cv-href-thumbnail pt-cv-thumb-default\" target=\"_self\" ><\/a>\n<div class=\"pt-cv-taxoterm above_title\"><a href='https:\/\/www.dmsjuridica.com\/buscador_20179478954\/corteconstitucionalcronologico202454587\/category\/buscar-en-toda-la-corte\/2001\/tutelas-2001\/' title='Tutelas 2001' class='pt-cv-tax-tutelas-2001'>Tutelas 2001<\/a><\/div>\n<h4 class=\"pt-cv-title\"><a href=\"https:\/\/www.dmsjuridica.com\/buscador_20179478954\/corteconstitucionalcronologico202454587\/t-989-01\/\" class=\"_self\" target=\"_self\" >T-989-01<\/a><\/h4>\n<div class=\"pt-cv-content\">\u00a0 \u00a0 Sentencia T-989\/01 \u00a0 ACCION DE TUTELA-Procedencia excepcional pago de mesadas pensionales \u00a0 DERECHO A LA PENSION DE JUBILACION-Situaci\u00f3n econ\u00f3mica de empresa no impide pago oportuno de mesadas \u00a0 DERECHO A LA VIDA EN CONDICIONES DIGNAS Y JUSTAS-Pago oportuno de mesadas pensionales \u00a0 Reiteraci\u00f3n de Jurisprudencia \u00a0 Referencia: expediente T-487150 \u00a0 Acci\u00f3n de tutela instaurada por Yolanda Esther Aguilera Arroyo contra la Gobernaci\u00f3n de C\u00f3rdoba. \u00a0 Magistrado Ponente: \u00a0 Dr. EDUARDO MONTEALEGRE LYNETT \u00a0 Bogot\u00e1, D.C., trece (13) de septiembre de dos mil uno (2001). \u00a0 La Sala S\u00e9ptima de Revisi\u00f3n de la Corte Constitucional, en ejercicio de sus ...<br \/><div class=\"pt-cv-rmwrap\"><a href=\"https:\/\/www.dmsjuridica.com\/buscador_20179478954\/corteconstitucionalcronologico202454587\/t-989-01\/\" class=\"_self pt-cv-readmore btn btn-success\" target=\"_self\">Ver Sentencia Completa...<\/a><\/div><\/div><\/div><\/div>\n<div class=\"col-md-12 col-sm-12 col-xs-12 pt-cv-content-item pt-cv-1-col\" ><div class='pt-cv-ifield'><a href=\"https:\/\/www.dmsjuridica.com\/buscador_20179478954\/corteconstitucionalcronologico202454587\/t-988-01\/\" class=\"_self pt-cv-href-thumbnail pt-cv-thumb-default\" target=\"_self\" ><\/a>\n<div class=\"pt-cv-taxoterm above_title\"><a href='https:\/\/www.dmsjuridica.com\/buscador_20179478954\/corteconstitucionalcronologico202454587\/category\/buscar-en-toda-la-corte\/2001\/tutelas-2001\/' title='Tutelas 2001' class='pt-cv-tax-tutelas-2001'>Tutelas 2001<\/a><\/div>\n<h4 class=\"pt-cv-title\"><a href=\"https:\/\/www.dmsjuridica.com\/buscador_20179478954\/corteconstitucionalcronologico202454587\/t-988-01\/\" class=\"_self\" target=\"_self\" >T-988-01<\/a><\/h4>\n<div class=\"pt-cv-content\">\u00a0 \u00a0 Sentencia T-988\/01 \u00a0 BONOS PENSIONALES-Pronta tramitaci\u00f3n \u00a0 VIA DE HECHO-Se niega pensi\u00f3n por demora en emisi\u00f3n del bono\u00a0 \u00a0 Reiteraci\u00f3n de Jurisprudencia \u00a0 Referencia: expediente T-472332 \u00a0 Acci\u00f3n de tutela instaurada por Ancizar Osorio Aguirre contra el Instituto de Seguros Sociales. \u00a0 Dr. EDUARDO MONTEALEGRE LYNETT. \u00a0 Bogot\u00e1 D.C., trece (13) de septiembre de dos mil uno (2001). \u00a0 La Sala S\u00e9ptima de Revisi\u00f3n de la Corte Constitucional, integrada por los Magistrados Eduardo Montealegre Lynett, Alvaro Tafur Galvis y Clara In\u00e9s Vargas Hern\u00e1ndez, en uso de sus facultades constitucionales y legales ha proferido la siguiente \u00a0 SENTENCIA \u00a0 ...<br \/><div class=\"pt-cv-rmwrap\"><a href=\"https:\/\/www.dmsjuridica.com\/buscador_20179478954\/corteconstitucionalcronologico202454587\/t-988-01\/\" class=\"_self pt-cv-readmore btn btn-success\" target=\"_self\">Ver Sentencia Completa...<\/a><\/div><\/div><\/div><\/div>\n<div class=\"col-md-12 col-sm-12 col-xs-12 pt-cv-content-item pt-cv-1-col\" ><div class='pt-cv-ifield'><a href=\"https:\/\/www.dmsjuridica.com\/buscador_20179478954\/corteconstitucionalcronologico202454587\/t-987-01\/\" class=\"_self pt-cv-href-thumbnail pt-cv-thumb-default\" target=\"_self\" ><\/a>\n<div class=\"pt-cv-taxoterm above_title\"><a href='https:\/\/www.dmsjuridica.com\/buscador_20179478954\/corteconstitucionalcronologico202454587\/category\/buscar-en-toda-la-corte\/2001\/tutelas-2001\/' title='Tutelas 2001' class='pt-cv-tax-tutelas-2001'>Tutelas 2001<\/a><\/div>\n<h4 class=\"pt-cv-title\"><a href=\"https:\/\/www.dmsjuridica.com\/buscador_20179478954\/corteconstitucionalcronologico202454587\/t-987-01\/\" class=\"_self\" target=\"_self\" >T-987-01<\/a><\/h4>\n<div class=\"pt-cv-content\">\u00a0 \u00a0 Sentencia T-987\/01\u00a0 \u00a0 MUJER TRABAJADORA EMBARAZADA-Protecci\u00f3n constitucional especial \u00a0 DERECHO A LA ESTABILIDAD LABORAL REFORZADA DE MUJER EMBARAZADA-Protecci\u00f3n constitucional especial \u00a0 DERECHO A LA ESTABILIDAD LABORAL REFORZADA DE MUJER EMBARAZADA-Elementos f\u00e1cticos que deben demostrarse \u00a0 ACCION DE TUTELA TRANSITORIA DE MUJER EMBARAZADA-Casos excepcionales de procedencia para reintegro \u00a0 PRINCIPIO DE ESTABILIDAD EN EL EMPLEO EN CONTRATO A TERMINO FIJO-Aplicaci\u00f3n\/MUJER EMBARAZADA EN CONTRATO A TERMINO FIJO-Protecci\u00f3n \u00a0 ACCION DE TUTELA TRANSITORIA DE MUJER EMBARAZADA-No se determin\u00f3 causal de despido por empleador \u00a0 Referencia: expediente T- 461447\u00a0 \u00a0 Peticionaria: Sandra Milena Gallego \u00a0 Procedencia: Tribunal Superior de Armenia (Sala Laboral) ...<br \/><div class=\"pt-cv-rmwrap\"><a href=\"https:\/\/www.dmsjuridica.com\/buscador_20179478954\/corteconstitucionalcronologico202454587\/t-987-01\/\" class=\"_self pt-cv-readmore btn btn-success\" target=\"_self\">Ver Sentencia Completa...<\/a><\/div><\/div><\/div><\/div>\n<div class=\"col-md-12 col-sm-12 col-xs-12 pt-cv-content-item pt-cv-1-col\" ><div class='pt-cv-ifield'><a href=\"https:\/\/www.dmsjuridica.com\/buscador_20179478954\/corteconstitucionalcronologico202454587\/t-986-01\/\" class=\"_self pt-cv-href-thumbnail pt-cv-thumb-default\" target=\"_self\" ><\/a>\n<div class=\"pt-cv-taxoterm above_title\"><a href='https:\/\/www.dmsjuridica.com\/buscador_20179478954\/corteconstitucionalcronologico202454587\/category\/buscar-en-toda-la-corte\/2001\/tutelas-2001\/' title='Tutelas 2001' class='pt-cv-tax-tutelas-2001'>Tutelas 2001<\/a><\/div>\n<h4 class=\"pt-cv-title\"><a href=\"https:\/\/www.dmsjuridica.com\/buscador_20179478954\/corteconstitucionalcronologico202454587\/t-986-01\/\" class=\"_self\" target=\"_self\" >T-986-01<\/a><\/h4>\n<div class=\"pt-cv-content\">\u00a0 \u00a0 Sentencia T-986\/01 \u00a0 ACCION DE TUTELA-Procedencia excepcional pago de acreencias laborales \u00a0 DERECHO AL MINIMO VITAL DEL TRABAJADOR-Pago oportuno de salarios \u00a0 DERECHO AL MINIMO VITAL DEL TRABAJADOR-Presunci\u00f3n de afectaci\u00f3n por ausencia prolongada en pago de salarios\u00a0 \u00a0 Referencia: expediente T-463121. Acci\u00f3n de tutela promovida por Nidis Cecilia Garavito Ram\u00edrez y Lidys Isabel Ulloa De La Rosa contra el municipio de Zona Bananera, Magdalena.\u00a0 \u00a0 Magistrada Ponente: \u00a0 Dra. CLARA IN\u00c9S VARGAS HERN\u00c1NDEZ \u00a0 Bogot\u00e1, \u00a0D. C., trece (13) de septiembre de dos mil uno (2001). \u00a0 \u00a0 La Sala Novena de Revisi\u00f3n de la Corte Constitucional, integrada ...<br \/><div class=\"pt-cv-rmwrap\"><a href=\"https:\/\/www.dmsjuridica.com\/buscador_20179478954\/corteconstitucionalcronologico202454587\/t-986-01\/\" class=\"_self pt-cv-readmore btn btn-success\" target=\"_self\">Ver Sentencia Completa...<\/a><\/div><\/div><\/div><\/div>\n<div class=\"col-md-12 col-sm-12 col-xs-12 pt-cv-content-item pt-cv-1-col\" ><div class='pt-cv-ifield'><a href=\"https:\/\/www.dmsjuridica.com\/buscador_20179478954\/corteconstitucionalcronologico202454587\/t-985-01\/\" class=\"_self pt-cv-href-thumbnail pt-cv-thumb-default\" target=\"_self\" ><\/a>\n<div class=\"pt-cv-taxoterm above_title\"><a href='https:\/\/www.dmsjuridica.com\/buscador_20179478954\/corteconstitucionalcronologico202454587\/category\/buscar-en-toda-la-corte\/2001\/tutelas-2001\/' title='Tutelas 2001' class='pt-cv-tax-tutelas-2001'>Tutelas 2001<\/a><\/div>\n<h4 class=\"pt-cv-title\"><a href=\"https:\/\/www.dmsjuridica.com\/buscador_20179478954\/corteconstitucionalcronologico202454587\/t-985-01\/\" class=\"_self\" target=\"_self\" >T-985-01<\/a><\/h4>\n<div class=\"pt-cv-content\">\u00a0 \u00a0 Sentencia T-985\/01 \u00a0 DERECHO DE PETICION-Alcance y contenido \u00a0 DERECHO DE PETICION-No conlleva respuesta favorable a la solicitud \u00a0 DERECHO DE PETICION ANTE ORGANIZACIONES PRIVADAS-Procedencia excepcional \u00a0 DERECHO DE PETICION ANTE ORGANIZACIONES PRIVADAS-Dignidad del trabajador hace exigible respuesta a\u00fan de particulares\/DERECHO DE PETICION ANTE ORGANIZACIONES PRIVADAS-Protecci\u00f3n por reclamo de pensi\u00f3n legal \u00a0 DERECHO A LA INFORMACION-Protecci\u00f3n por sigilo patronal respecto de reclamaciones laborales \u00a0 DERECHO DE PETICION-No obliga a lo imposible \u00a0 DERECHO DE PETICION ANTE ORGANIZACIONES PRIVADAS-Subordinaci\u00f3n \u00a0 FUERZA MAYOR-Ausencia de documentos para certificar tiempo de servicios por la Federaci\u00f3n Nacional de Arroceros \u00a0 MEDIO DE DEFENSA ...<br \/><div class=\"pt-cv-rmwrap\"><a href=\"https:\/\/www.dmsjuridica.com\/buscador_20179478954\/corteconstitucionalcronologico202454587\/t-985-01\/\" class=\"_self pt-cv-readmore btn btn-success\" target=\"_self\">Ver Sentencia Completa...<\/a><\/div><\/div><\/div><\/div>\n<div class=\"col-md-12 col-sm-12 col-xs-12 pt-cv-content-item pt-cv-1-col\" ><div class='pt-cv-ifield'><a href=\"https:\/\/www.dmsjuridica.com\/buscador_20179478954\/corteconstitucionalcronologico202454587\/t-984-01\/\" class=\"_self pt-cv-href-thumbnail pt-cv-thumb-default\" target=\"_self\" ><\/a>\n<div class=\"pt-cv-taxoterm above_title\"><a href='https:\/\/www.dmsjuridica.com\/buscador_20179478954\/corteconstitucionalcronologico202454587\/category\/buscar-en-toda-la-corte\/2001\/tutelas-2001\/' title='Tutelas 2001' class='pt-cv-tax-tutelas-2001'>Tutelas 2001<\/a><\/div>\n<h4 class=\"pt-cv-title\"><a href=\"https:\/\/www.dmsjuridica.com\/buscador_20179478954\/corteconstitucionalcronologico202454587\/t-984-01\/\" class=\"_self\" target=\"_self\" >T-984-01<\/a><\/h4>\n<div class=\"pt-cv-content\">\u00a0 \u00a0 Sentencia T-984\/01 \u00a0 INDEFENSION-Debilidad manifiesta \u00a0 No cabe duda entonces que el actor se encuentra actualmente, como muy seguramente lo estuvo en las oportunidades rese\u00f1adas, en estado de indefensi\u00f3n, no solo frente a la accionada sino tambi\u00e9n en relaci\u00f3n con la administraci\u00f3n de justicia y la sociedad en general, porque est\u00e1 indefenso quien carece de la lucidez que el derecho privado presupone existente entre quienes tienen capacidad negocial plena, y en virtud de la cual ha establecido reglas y procesos jur\u00eddicos que se supone van a ser utilizados por cada una de las partes de la manera que ...<br \/><div class=\"pt-cv-rmwrap\"><a href=\"https:\/\/www.dmsjuridica.com\/buscador_20179478954\/corteconstitucionalcronologico202454587\/t-984-01\/\" class=\"_self pt-cv-readmore btn btn-success\" target=\"_self\">Ver Sentencia Completa...<\/a><\/div><\/div><\/div><\/div>\n<div class=\"col-md-12 col-sm-12 col-xs-12 pt-cv-content-item pt-cv-1-col\" ><div class='pt-cv-ifield'><a href=\"https:\/\/www.dmsjuridica.com\/buscador_20179478954\/corteconstitucionalcronologico202454587\/t-983-01\/\" class=\"_self pt-cv-href-thumbnail pt-cv-thumb-default\" target=\"_self\" ><\/a>\n<div class=\"pt-cv-taxoterm above_title\"><a href='https:\/\/www.dmsjuridica.com\/buscador_20179478954\/corteconstitucionalcronologico202454587\/category\/buscar-en-toda-la-corte\/2001\/tutelas-2001\/' title='Tutelas 2001' class='pt-cv-tax-tutelas-2001'>Tutelas 2001<\/a><\/div>\n<h4 class=\"pt-cv-title\"><a href=\"https:\/\/www.dmsjuridica.com\/buscador_20179478954\/corteconstitucionalcronologico202454587\/t-983-01\/\" class=\"_self\" target=\"_self\" >T-983-01<\/a><\/h4>\n<div class=\"pt-cv-content\">\u00a0 \u00a0 Sentencia T-983\/01 \u00a0 ACCION DE TUTELA-Subsidiariedad \u00a0 ACCION DE TUTELA-Inexistencia de perjuicio irremediable \u00a0 DERECHOS FUNDAMENTALES-Ausencia de violaci\u00f3n \u00a0 CONSEJO DE ESTADO-Conocimiento de conflictos en relaci\u00f3n con inscripci\u00f3n en carrera judicial o convocatoria a concursos \u00a0 DOCTRINA CONSTITUCIONAL-Ausencia de violaci\u00f3n \u00a0 El actor pretende dar sin tenerlos, efectos de doctrina constitucional a una decisi\u00f3n que figura dentro de una sucesi\u00f3n de decisiones adoptadas por la Corte en este campo tomando en cuenta, como corresponde en materia de tutela, las circunstancias particulares de cada caso y que por lo tanto no han sido resueltas de manera id\u00e9ntica. Pudiendo por ...<br \/><div class=\"pt-cv-rmwrap\"><a href=\"https:\/\/www.dmsjuridica.com\/buscador_20179478954\/corteconstitucionalcronologico202454587\/t-983-01\/\" class=\"_self pt-cv-readmore btn btn-success\" target=\"_self\">Ver Sentencia Completa...<\/a><\/div><\/div><\/div><\/div>\n<div class=\"col-md-12 col-sm-12 col-xs-12 pt-cv-content-item pt-cv-1-col\" ><div class='pt-cv-ifield'><a href=\"https:\/\/www.dmsjuridica.com\/buscador_20179478954\/corteconstitucionalcronologico202454587\/t-982-01\/\" class=\"_self pt-cv-href-thumbnail pt-cv-thumb-default\" target=\"_self\" ><\/a>\n<div class=\"pt-cv-taxoterm above_title\"><a href='https:\/\/www.dmsjuridica.com\/buscador_20179478954\/corteconstitucionalcronologico202454587\/category\/buscar-en-toda-la-corte\/2001\/tutelas-2001\/' title='Tutelas 2001' class='pt-cv-tax-tutelas-2001'>Tutelas 2001<\/a><\/div>\n<h4 class=\"pt-cv-title\"><a href=\"https:\/\/www.dmsjuridica.com\/buscador_20179478954\/corteconstitucionalcronologico202454587\/t-982-01\/\" class=\"_self\" target=\"_self\" >T-982-01<\/a><\/h4>\n<div class=\"pt-cv-content\">\u00a0 \u00a0 Sentencia T-982\/01 \u00a0 LIBERTAD RELIGIOSA-Alcance social\/LIBERTAD RELIGIOSA-Fundamento colectivo \u00a0 La libertad religiosa no s\u00f3lo tiene que ver con la posibilidad de que todo individuo tenga y desarrolle libremente un mundo espiritual propio. El texto constitucional confiere alcances sociales a dicha protecci\u00f3n, al garantizar que se practiquen y realicen ciertos actos como consecuencia de profesar \u00a0creencias religiosas. Por su naturaleza, el derecho individual a la libertad religiosa tiene un fundamento colectivo y una protecci\u00f3n comunitaria. La pr\u00e1ctica formal y colectiva de un culto no es la \u00fanica manifestaci\u00f3n social de la libertad religiosa.\u00a0 \u00a0 El derecho a la libertad ...<br \/><div class=\"pt-cv-rmwrap\"><a href=\"https:\/\/www.dmsjuridica.com\/buscador_20179478954\/corteconstitucionalcronologico202454587\/t-982-01\/\" class=\"_self pt-cv-readmore btn btn-success\" target=\"_self\">Ver Sentencia Completa...<\/a><\/div><\/div><\/div><\/div>\n<div class=\"col-md-12 col-sm-12 col-xs-12 pt-cv-content-item pt-cv-1-col\" ><div class='pt-cv-ifield'><a href=\"https:\/\/www.dmsjuridica.com\/buscador_20179478954\/corteconstitucionalcronologico202454587\/t-981-01\/\" class=\"_self pt-cv-href-thumbnail pt-cv-thumb-default\" target=\"_self\" ><\/a>\n<div class=\"pt-cv-taxoterm above_title\"><a href='https:\/\/www.dmsjuridica.com\/buscador_20179478954\/corteconstitucionalcronologico202454587\/category\/buscar-en-toda-la-corte\/2001\/tutelas-2001\/' title='Tutelas 2001' class='pt-cv-tax-tutelas-2001'>Tutelas 2001<\/a><\/div>\n<h4 class=\"pt-cv-title\"><a href=\"https:\/\/www.dmsjuridica.com\/buscador_20179478954\/corteconstitucionalcronologico202454587\/t-981-01\/\" class=\"_self\" target=\"_self\" >T-981-01<\/a><\/h4>\n<div class=\"pt-cv-content\">\u00a0 \u00a0 Sentencia T-981\/01 \u00a0 AUTORIDAD-Protecci\u00f3n vida e integridad f\u00edsica de personas\/TRASLADO DE TRABAJADORA-Protecci\u00f3n de la vida por amenazas\/DERECHO A LA VIDA-Traslado de trabajadora \u00a0 Se reconoce que el traslado o reubicaci\u00f3n laboral de una persona que ha sido v\u00edctima del enfrentamiento interno es una respuesta adecuada para proteger su vida, y estos casos, la autonom\u00eda que reconoce la ley a la administraci\u00f3n para disponer discrecionalmente de la organizaci\u00f3n de su planta debe ceder ante la necesidad de proteger un derecho fundamental. \u00a0La actitud adoptada por las autoridades p\u00fablicas es inaceptable. Someter a un ciudadano que presenta un reclamo leg\u00edtimo ...<br \/><div class=\"pt-cv-rmwrap\"><a href=\"https:\/\/www.dmsjuridica.com\/buscador_20179478954\/corteconstitucionalcronologico202454587\/t-981-01\/\" class=\"_self pt-cv-readmore btn btn-success\" target=\"_self\">Ver Sentencia Completa...<\/a><\/div><\/div><\/div><\/div>\n<div class=\"col-md-12 col-sm-12 col-xs-12 pt-cv-content-item pt-cv-1-col\" ><div class='pt-cv-ifield'><a href=\"https:\/\/www.dmsjuridica.com\/buscador_20179478954\/corteconstitucionalcronologico202454587\/t-980-01\/\" class=\"_self pt-cv-href-thumbnail pt-cv-thumb-default\" target=\"_self\" ><\/a>\n<div class=\"pt-cv-taxoterm above_title\"><a href='https:\/\/www.dmsjuridica.com\/buscador_20179478954\/corteconstitucionalcronologico202454587\/category\/buscar-en-toda-la-corte\/2001\/tutelas-2001\/' title='Tutelas 2001' class='pt-cv-tax-tutelas-2001'>Tutelas 2001<\/a><\/div>\n<h4 class=\"pt-cv-title\"><a href=\"https:\/\/www.dmsjuridica.com\/buscador_20179478954\/corteconstitucionalcronologico202454587\/t-980-01\/\" class=\"_self\" target=\"_self\" >T-980-01<\/a><\/h4>\n<div class=\"pt-cv-content\">\u00a0 \u00a0 Sentencia T-980\/01 \u00a0 ACCION DE TUTELA CONTRA PARTICULARES-Procedencia excepcional \u00a0 ACTIVIDAD BANCARIA-Es un servicio p\u00fablico \u00a0 ACCION DE TUTELA CONTRA ENTIDAD FINANCIERA-Procedencia por prestaci\u00f3n de servicio p\u00fablico \u00a0 DERECHO DE PETICION FRENTE A ENTIDAD BANCARIA-Respuesta oportuna y de fondo \u00a0 Acci\u00f3n de tutela incoada por Jaime Acevedo Chedid contra el Banco Santander, oficina principal de Cartagena\u00a0 \u00a0 Magistrado Ponente: \u00a0 Dr. JAIME C\u00d3RDOBA TRIVI\u00d1O \u00a0 Bogot\u00e1, D.C., trece (13) de septiembre de dos mil uno (2001). \u00a0 La Sala Cuarta de Revisi\u00f3n de la Corte Constitucional, en ejercicio de sus competencias constitucionales y legales, espec\u00edficamente las previstas en ...<br \/><div class=\"pt-cv-rmwrap\"><a href=\"https:\/\/www.dmsjuridica.com\/buscador_20179478954\/corteconstitucionalcronologico202454587\/t-980-01\/\" class=\"_self pt-cv-readmore btn btn-success\" target=\"_self\">Ver Sentencia Completa...<\/a><\/div><\/div><\/div><\/div>\n<div class=\"col-md-12 col-sm-12 col-xs-12 pt-cv-content-item pt-cv-1-col\" ><div class='pt-cv-ifield'><a href=\"https:\/\/www.dmsjuridica.com\/buscador_20179478954\/corteconstitucionalcronologico202454587\/t-979-01\/\" class=\"_self pt-cv-href-thumbnail pt-cv-thumb-default\" target=\"_self\" ><\/a>\n<div class=\"pt-cv-taxoterm above_title\"><a href='https:\/\/www.dmsjuridica.com\/buscador_20179478954\/corteconstitucionalcronologico202454587\/category\/buscar-en-toda-la-corte\/2001\/tutelas-2001\/' title='Tutelas 2001' class='pt-cv-tax-tutelas-2001'>Tutelas 2001<\/a><\/div>\n<h4 class=\"pt-cv-title\"><a href=\"https:\/\/www.dmsjuridica.com\/buscador_20179478954\/corteconstitucionalcronologico202454587\/t-979-01\/\" class=\"_self\" target=\"_self\" >T-979-01<\/a><\/h4>\n<div class=\"pt-cv-content\">\u00a0 \u00a0 Sentencia T-979\/01 \u00a0 DERECHOS FUNDAMENTALES DEL NI\u00d1O-Prevalencia \u00a0 DERECHO A LA PERSONALIDAD JURIDICA-Filiaci\u00f3n \u00a0 PATERNIDAD EXTRAMATRIMONIAL-Casos en los cuales se presume \u00a0 DERECHO A LA SALUD DEL NI\u00d1O-Negligencia para afiliar al menor al SISBEN por falta de inscripci\u00f3n en el registro civil \u00a0 No existe relaci\u00f3n de causalidad entre la no afiliaci\u00f3n del menor al SISBEN y la afectaci\u00f3n de sus derechos fundamentales, en tanto ha sido su progenitora la que por voluntad propia no ha tramitado la correspondiente afiliaci\u00f3n al Sistema. Luego, la eventual falta de inscripci\u00f3n se debe a la omisi\u00f3n de la accionante, quien ha ...<br \/><div class=\"pt-cv-rmwrap\"><a href=\"https:\/\/www.dmsjuridica.com\/buscador_20179478954\/corteconstitucionalcronologico202454587\/t-979-01\/\" class=\"_self pt-cv-readmore btn btn-success\" target=\"_self\">Ver Sentencia Completa...<\/a><\/div><\/div><\/div><\/div>\n<div class=\"col-md-12 col-sm-12 col-xs-12 pt-cv-content-item pt-cv-1-col\" ><div class='pt-cv-ifield'><a href=\"https:\/\/www.dmsjuridica.com\/buscador_20179478954\/corteconstitucionalcronologico202454587\/t-978-01\/\" class=\"_self pt-cv-href-thumbnail pt-cv-thumb-default\" target=\"_self\" ><\/a>\n<div class=\"pt-cv-taxoterm above_title\"><a href='https:\/\/www.dmsjuridica.com\/buscador_20179478954\/corteconstitucionalcronologico202454587\/category\/buscar-en-toda-la-corte\/2001\/tutelas-2001\/' title='Tutelas 2001' class='pt-cv-tax-tutelas-2001'>Tutelas 2001<\/a><\/div>\n<h4 class=\"pt-cv-title\"><a href=\"https:\/\/www.dmsjuridica.com\/buscador_20179478954\/corteconstitucionalcronologico202454587\/t-978-01\/\" class=\"_self\" target=\"_self\" >T-978-01<\/a><\/h4>\n<div class=\"pt-cv-content\">\u00a0 \u00a0 Sentencia T-978\/01 \u00a0 DERECHO A LA SALUD-Fundamental por conexidad\/DERECHO A LA SEGURIDAD SOCIAL-Fundamental por conexidad \u00a0 DERECHO A LA SALUD-Protecci\u00f3n preventiva y no solamente en caso de gravedad \u00a0 SERVICIO PUBLICO DE SALUD-Continuidad y eficacia \u00a0 Resulta relevante el concepto de eficiencia en la prestaci\u00f3n del servicio p\u00fablico, en lo tocante a la continuidad del mismo, en tanto que no puede suspenderse la prestaci\u00f3n salvo que exista alguna causa aceptable legal y constitucionalmente. Todo en raz\u00f3n a que la prestaci\u00f3n de servicios, y m\u00e1s aun refiri\u00e9ndose a servicios en salud, ostenta un car\u00e1cter de inmediatez, en el entendido ...<br \/><div class=\"pt-cv-rmwrap\"><a href=\"https:\/\/www.dmsjuridica.com\/buscador_20179478954\/corteconstitucionalcronologico202454587\/t-978-01\/\" class=\"_self pt-cv-readmore btn btn-success\" target=\"_self\">Ver Sentencia Completa...<\/a><\/div><\/div><\/div><\/div>\n<div class=\"col-md-12 col-sm-12 col-xs-12 pt-cv-content-item pt-cv-1-col\" ><div class='pt-cv-ifield'><a href=\"https:\/\/www.dmsjuridica.com\/buscador_20179478954\/corteconstitucionalcronologico202454587\/t-977-01\/\" class=\"_self pt-cv-href-thumbnail pt-cv-thumb-default\" target=\"_self\" ><\/a>\n<div class=\"pt-cv-taxoterm above_title\"><a href='https:\/\/www.dmsjuridica.com\/buscador_20179478954\/corteconstitucionalcronologico202454587\/category\/buscar-en-toda-la-corte\/2001\/tutelas-2001\/' title='Tutelas 2001' class='pt-cv-tax-tutelas-2001'>Tutelas 2001<\/a><\/div>\n<h4 class=\"pt-cv-title\"><a href=\"https:\/\/www.dmsjuridica.com\/buscador_20179478954\/corteconstitucionalcronologico202454587\/t-977-01\/\" class=\"_self\" target=\"_self\" >T-977-01<\/a><\/h4>\n<div class=\"pt-cv-content\">\u00a0 \u00a0 Sentencia T-977\/01 \u00a0 EMPLEADOR-Responsabilidad en aportes aunque no hubiere efectuado descuentos \u00a0 PENSION DE JUBILACION-Reliquidaci\u00f3n con base en el salario realmente devengado por el trabajador \u00a0 DERECHO A LA SEGURIDAD SOCIAL-Procedencia excepcional de tutela \u00a0 ACCION DE TUTELA CONTRA PARTICULARES-Procedencia excepcional\/ACCION DE TUTELA CONTRA PARTICULARES-Indefensi\u00f3n \u00a0 PENSION DE VEJEZ ANTICIPADA-Procedencia \u00a0 SISTEMA DE PRIMA MEDIA CON PRESTACION DEFINIDA Y SISTEMA DE AHORRO INDIVIDUAL CON SOLIDARIDAD-Regulaciones distintas de sistemas pensionales\/SISTEMA DE PRIMA MEDIA CON PRESTACION DEFINIDA Y SISTEMA DE AHORRO INDIVIDUAL CON SOLIDARIDAD-Edades y m\u00ednimo de semanas para acceso a pensi\u00f3n \u00a0 BONOS PENSIONALES-Procedencia de tutela para reclamar la ...<br \/><div class=\"pt-cv-rmwrap\"><a href=\"https:\/\/www.dmsjuridica.com\/buscador_20179478954\/corteconstitucionalcronologico202454587\/t-977-01\/\" class=\"_self pt-cv-readmore btn btn-success\" target=\"_self\">Ver Sentencia Completa...<\/a><\/div><\/div><\/div><\/div>\n<div class=\"col-md-12 col-sm-12 col-xs-12 pt-cv-content-item pt-cv-1-col\" ><div class='pt-cv-ifield'><a href=\"https:\/\/www.dmsjuridica.com\/buscador_20179478954\/corteconstitucionalcronologico202454587\/t-972-01\/\" class=\"_self pt-cv-href-thumbnail pt-cv-thumb-default\" target=\"_self\" ><\/a>\n<div class=\"pt-cv-taxoterm above_title\"><a href='https:\/\/www.dmsjuridica.com\/buscador_20179478954\/corteconstitucionalcronologico202454587\/category\/buscar-en-toda-la-corte\/2001\/tutelas-2001\/' title='Tutelas 2001' class='pt-cv-tax-tutelas-2001'>Tutelas 2001<\/a><\/div>\n<h4 class=\"pt-cv-title\"><a href=\"https:\/\/www.dmsjuridica.com\/buscador_20179478954\/corteconstitucionalcronologico202454587\/t-972-01\/\" class=\"_self\" target=\"_self\" >T-972-01<\/a><\/h4>\n<div class=\"pt-cv-content\">\u00a0 \u00a0 Sentencia T-972\/01 \u00a0 DERECHO A LA SALUD DEL NI\u00d1O-Fundamental \u00a0 DERECHO A LA SALUD-Protecci\u00f3n preventiva y no solamente en caso de gravedad \u00a0 DERECHO A LA SALUD DEL NI\u00d1O-Protecci\u00f3n estatal \u00a0 REGIMEN SUBSIDIADO DE SALUD-Transplante de higado a menor\/DERECHO A LA SALUD DEL NI\u00d1O-Transplante de higado \u00a0 ENTIDAD PROMOTORA DE SALUD-Transplante de higado y repetici\u00f3n contra el FOSYGA \u00a0 Referencia: expediente T-469788 \u00a0 Acci\u00f3n de tutela instaurada por H\u00e9ctor Gonzalo Vallejo Guerrero contra la E.P.S. Salud C\u00f3ndor S.A. \u00a0 Magistrado Ponente:\u00a0 \u00a0 Dr. MANUEL JOS\u00c9 CEPEDA ESPINOSA \u00a0 Bogot\u00e1, D.C., Septiembre siete (7) de dos mil uno (2001) ...<br \/><div class=\"pt-cv-rmwrap\"><a href=\"https:\/\/www.dmsjuridica.com\/buscador_20179478954\/corteconstitucionalcronologico202454587\/t-972-01\/\" class=\"_self pt-cv-readmore btn btn-success\" target=\"_self\">Ver Sentencia Completa...<\/a><\/div><\/div><\/div><\/div>\n<div class=\"col-md-12 col-sm-12 col-xs-12 pt-cv-content-item pt-cv-1-col\" ><div class='pt-cv-ifield'><a href=\"https:\/\/www.dmsjuridica.com\/buscador_20179478954\/corteconstitucionalcronologico202454587\/t-971-01\/\" class=\"_self pt-cv-href-thumbnail pt-cv-thumb-default\" target=\"_self\" ><\/a>\n<div class=\"pt-cv-taxoterm above_title\"><a href='https:\/\/www.dmsjuridica.com\/buscador_20179478954\/corteconstitucionalcronologico202454587\/category\/buscar-en-toda-la-corte\/2001\/tutelas-2001\/' title='Tutelas 2001' class='pt-cv-tax-tutelas-2001'>Tutelas 2001<\/a><\/div>\n<h4 class=\"pt-cv-title\"><a href=\"https:\/\/www.dmsjuridica.com\/buscador_20179478954\/corteconstitucionalcronologico202454587\/t-971-01\/\" class=\"_self\" target=\"_self\" >T-971-01<\/a><\/h4>\n<div class=\"pt-cv-content\">\u00a0 \u00a0 Sentencia T-971\/01 \u00a0 DERECHOS CONTRACTUALES-Improcedencia de la tutela para el reconocimiento y cobro de deudas\/ACCION DE TUTELA-Improcedencia general sobre controversias contractuales \u00a0 De aceptarse que la acci\u00f3n de tutela es un mecanismo adecuado para reclamar el reconocimiento de derechos originados en relaciones contractuales, se estar\u00eda desnaturalizando por completo la raz\u00f3n de ser de la misma. Esta clase de pretensiones son materia del conocimiento de la jurisdicci\u00f3n ordinaria. En casos excepcionales, se ha aceptado que la tutela puede prosperar.\u00a0 \u00a0 DERECHOS CONTRACTUALES-Casos en que excepcionalmente procede la tutela \u00a0 S\u00f3lo cuando el trabajador invoca su derecho a subsistir dignamente ...<br \/><div class=\"pt-cv-rmwrap\"><a href=\"https:\/\/www.dmsjuridica.com\/buscador_20179478954\/corteconstitucionalcronologico202454587\/t-971-01\/\" class=\"_self pt-cv-readmore btn btn-success\" target=\"_self\">Ver Sentencia Completa...<\/a><\/div><\/div><\/div><\/div>\n<div class=\"col-md-12 col-sm-12 col-xs-12 pt-cv-content-item pt-cv-1-col\" ><div class='pt-cv-ifield'><a href=\"https:\/\/www.dmsjuridica.com\/buscador_20179478954\/corteconstitucionalcronologico202454587\/t-970-01\/\" class=\"_self pt-cv-href-thumbnail pt-cv-thumb-default\" target=\"_self\" ><\/a>\n<div class=\"pt-cv-taxoterm above_title\"><a href='https:\/\/www.dmsjuridica.com\/buscador_20179478954\/corteconstitucionalcronologico202454587\/category\/buscar-en-toda-la-corte\/2001\/tutelas-2001\/' title='Tutelas 2001' class='pt-cv-tax-tutelas-2001'>Tutelas 2001<\/a><\/div>\n<h4 class=\"pt-cv-title\"><a href=\"https:\/\/www.dmsjuridica.com\/buscador_20179478954\/corteconstitucionalcronologico202454587\/t-970-01\/\" class=\"_self\" target=\"_self\" >T-970-01<\/a><\/h4>\n<div class=\"pt-cv-content\">\u00a0 \u00a0 Sentencia T-970\/01 \u00a0 DERECHOS FUNDAMENTALES DEL NI\u00d1O-Prevalencia \u00a0 DERECHO A LA SALUD DEL NI\u00d1O-Suministro de hormonas de crecimiento \u00a0 SECRETARIA DISTRITAL DE SALUD-Suministro de hormonas de crecimiento y repetici\u00f3n contra el FOSYGA \u00a0 Reiteraci\u00f3n de Jurisprudencia \u00a0 Referencia: expediente T-464 775 \u00a0 Acci\u00f3n de tutela instaurada por Amparo P\u00e9rez de Herrera contra el Hospital Sim\u00f3n Bol\u00edvar III Nivel, Empresa Social del Estado y la Secretar\u00eda Distrital de Salud de Bogot\u00e1 D. C. \u00a0 Magistrado Ponente: \u00a0 Dr. JAIME ARAUJO RENTERIA \u00a0 Bogot\u00e1 D. C., a los diez (10) d\u00edas del mes de septiembre del a\u00f1o dos mil uno ...<br \/><div class=\"pt-cv-rmwrap\"><a href=\"https:\/\/www.dmsjuridica.com\/buscador_20179478954\/corteconstitucionalcronologico202454587\/t-970-01\/\" class=\"_self pt-cv-readmore btn btn-success\" target=\"_self\">Ver Sentencia Completa...<\/a><\/div><\/div><\/div><\/div>\n<div class=\"col-md-12 col-sm-12 col-xs-12 pt-cv-content-item pt-cv-1-col\" ><div class='pt-cv-ifield'><a href=\"https:\/\/www.dmsjuridica.com\/buscador_20179478954\/corteconstitucionalcronologico202454587\/t-969-01\/\" class=\"_self pt-cv-href-thumbnail pt-cv-thumb-default\" target=\"_self\" ><\/a>\n<div class=\"pt-cv-taxoterm above_title\"><a href='https:\/\/www.dmsjuridica.com\/buscador_20179478954\/corteconstitucionalcronologico202454587\/category\/buscar-en-toda-la-corte\/2001\/tutelas-2001\/' title='Tutelas 2001' class='pt-cv-tax-tutelas-2001'>Tutelas 2001<\/a><\/div>\n<h4 class=\"pt-cv-title\"><a href=\"https:\/\/www.dmsjuridica.com\/buscador_20179478954\/corteconstitucionalcronologico202454587\/t-969-01\/\" class=\"_self\" target=\"_self\" >T-969-01<\/a><\/h4>\n<div class=\"pt-cv-content\">\u00a0 \u00a0 Sentencia T-969\/01 \u00a0 PENSION DE JUBILACION-Improcedencia de reconocimiento por tutela \u00a0 DERECHO DE PETICION-Resoluci\u00f3n sobre reconocimiento de pensi\u00f3n de jubilaci\u00f3n \u00a0 ACCION DE TUTELA-Improcedencia respecto a expectativa sobre derecho pensional \u00a0 Reiteraci\u00f3n de Jurisprudencia \u00a0 Referencia: expediente T-462114 \u00a0 Acci\u00f3n de tutela instaurada por Jos\u00e9 Alfonso Medina Romero contra Electricaribe S.A. E.S.P. y Electrocesar S.A. E.S.P. en liquidaci\u00f3n. \u00a0 Magistrado Ponente: \u00a0 Dr. JAIME ARAUJO RENTERIA \u00a0 La Sala Primera de Revisi\u00f3n de la Corte Constitucional, en ejercicio de sus competencias constitucionales y legales, espec\u00edficamente las previstas en los art\u00edculos 86 y 241, numeral 9, de la Constituci\u00f3n ...<br \/><div class=\"pt-cv-rmwrap\"><a href=\"https:\/\/www.dmsjuridica.com\/buscador_20179478954\/corteconstitucionalcronologico202454587\/t-969-01\/\" class=\"_self pt-cv-readmore btn btn-success\" target=\"_self\">Ver Sentencia Completa...<\/a><\/div><\/div><\/div><\/div>\n<div class=\"col-md-12 col-sm-12 col-xs-12 pt-cv-content-item pt-cv-1-col\" ><div class='pt-cv-ifield'><a href=\"https:\/\/www.dmsjuridica.com\/buscador_20179478954\/corteconstitucionalcronologico202454587\/t-968-01\/\" class=\"_self pt-cv-href-thumbnail pt-cv-thumb-default\" target=\"_self\" ><\/a>\n<div class=\"pt-cv-taxoterm above_title\"><a href='https:\/\/www.dmsjuridica.com\/buscador_20179478954\/corteconstitucionalcronologico202454587\/category\/buscar-en-toda-la-corte\/2001\/tutelas-2001\/' title='Tutelas 2001' class='pt-cv-tax-tutelas-2001'>Tutelas 2001<\/a><\/div>\n<h4 class=\"pt-cv-title\"><a href=\"https:\/\/www.dmsjuridica.com\/buscador_20179478954\/corteconstitucionalcronologico202454587\/t-968-01\/\" class=\"_self\" target=\"_self\" >T-968-01<\/a><\/h4>\n<div class=\"pt-cv-content\">\u00a0 \u00a0 Sentencia T-968\/01 \u00a0 PERENCION DEL PROCESO\/DERECHO DE CONTRADICCION-Extemporaneidad \u00a0 ACCION DE TUTELA-Subsidiariedad\/ACCION DE TUTELA-Improcedencia para revivir t\u00e9rminos \u00a0 No siendo la acci\u00f3n de tutela una instancia paralela o complementaria a la del juez natural, y mucho menos un medio para revivir t\u00e9rminos ya fenecidos o para purgar la eventual desidia de las partes procesales, necesario es reconocer la improcedencia de la demanda de tutela obrante en autos, y con ella, el respeto al debido proceso que en su momento le dispens\u00f3 a las partes el juez de conocimiento. \u00a0Por donde la alegada v\u00eda de hecho no encuentra la ...<br \/><div class=\"pt-cv-rmwrap\"><a href=\"https:\/\/www.dmsjuridica.com\/buscador_20179478954\/corteconstitucionalcronologico202454587\/t-968-01\/\" class=\"_self pt-cv-readmore btn btn-success\" target=\"_self\">Ver Sentencia Completa...<\/a><\/div><\/div><\/div><\/div>\n<div class=\"col-md-12 col-sm-12 col-xs-12 pt-cv-content-item pt-cv-1-col\" ><div class='pt-cv-ifield'><a href=\"https:\/\/www.dmsjuridica.com\/buscador_20179478954\/corteconstitucionalcronologico202454587\/t-967-01\/\" class=\"_self pt-cv-href-thumbnail pt-cv-thumb-default\" target=\"_self\" ><\/a>\n<div class=\"pt-cv-taxoterm above_title\"><a href='https:\/\/www.dmsjuridica.com\/buscador_20179478954\/corteconstitucionalcronologico202454587\/category\/buscar-en-toda-la-corte\/2001\/tutelas-2001\/' title='Tutelas 2001' class='pt-cv-tax-tutelas-2001'>Tutelas 2001<\/a><\/div>\n<h4 class=\"pt-cv-title\"><a href=\"https:\/\/www.dmsjuridica.com\/buscador_20179478954\/corteconstitucionalcronologico202454587\/t-967-01\/\" class=\"_self\" target=\"_self\" >T-967-01<\/a><\/h4>\n<div class=\"pt-cv-content\">\u00a0 \u00a0 Sentencia T-967\/01 \u00a0 CARRERA MILITAR-Ascenso a Sargento Mayor\/EJERCITO NACIONAL-Razones para negar ascenso son inexistentes \u00a0 Las razones en las que pretende el demandado justificar o fundamentar el no ascenso del actor, no pueden ser consideradas como v\u00e1lidas para esta Sala, porque sencillamente se observa que no existen, pues como se dej\u00f3 expuesto la recomendaci\u00f3n para ascenso emanada del Comit\u00e9 carece de motivaci\u00f3n o fundamento y el Comandante del Ej\u00e9rcito acogi\u00f3 dicha recomendaci\u00f3n sin ajustarse a su facultad discrecional reglada, pues ascendi\u00f3 a personal no apto por sanidad y justicia, as\u00ed como a personal no convocado para el proceso ...<br \/><div class=\"pt-cv-rmwrap\"><a href=\"https:\/\/www.dmsjuridica.com\/buscador_20179478954\/corteconstitucionalcronologico202454587\/t-967-01\/\" class=\"_self pt-cv-readmore btn btn-success\" target=\"_self\">Ver Sentencia Completa...<\/a><\/div><\/div><\/div><\/div>\n<div class=\"col-md-12 col-sm-12 col-xs-12 pt-cv-content-item pt-cv-1-col\" ><div class='pt-cv-ifield'><a href=\"https:\/\/www.dmsjuridica.com\/buscador_20179478954\/corteconstitucionalcronologico202454587\/t-966-01\/\" class=\"_self pt-cv-href-thumbnail pt-cv-thumb-default\" target=\"_self\" ><\/a>\n<div class=\"pt-cv-taxoterm above_title\"><a href='https:\/\/www.dmsjuridica.com\/buscador_20179478954\/corteconstitucionalcronologico202454587\/category\/buscar-en-toda-la-corte\/2001\/tutelas-2001\/' title='Tutelas 2001' class='pt-cv-tax-tutelas-2001'>Tutelas 2001<\/a><\/div>\n<h4 class=\"pt-cv-title\"><a href=\"https:\/\/www.dmsjuridica.com\/buscador_20179478954\/corteconstitucionalcronologico202454587\/t-966-01\/\" class=\"_self\" target=\"_self\" >T-966-01<\/a><\/h4>\n<div class=\"pt-cv-content\">\u00a0 \u00a0 Sentencia T-966\/01 \u00a0 DERECHO A LA PERSONALIDAD JURIDICA-Fundamental\/DERECHO A LA FILIACION DEL MENOR-Naturaleza\/PROCESO DE FILIACION-Prueba antropoheredobiol\u00f3gica \u00a0 DERECHO DE FILIACION NATURAL-Necesidad de practicar prueba antropoheredobiol\u00f3gica\/NEGLIGENCIA ADMINISTRATIVA-Realizaci\u00f3n de prueba antropoheredobiol\u00f3gica \u00a0 INSTITUTO COLOMBIANO DE BIENESTAR FAMILIAR-Orden de practicar prueba antropoheredobiol\u00f3gica \u00a0 Referencia: expediente T-487.407. \u00a0 Acci\u00f3n de tutela instaurada por Amanda Gamboa Chambueta, en representaci\u00f3n de la menor Wendy Carolina Gamboa, contra el Instituto Colombiano de Bienestar Familiar. \u00a0 Magistrado Ponente:\u00a0 \u00a0 Dr. ALFREDO BELTR\u00c1N SIERRA. \u00a0 Bogot\u00e1, D.C., diez (10) de septiembre de dos mil uno (2001). \u00a0 La Sala Segunda de Revisi\u00f3n de la Corte Constitucional, en ...<br \/><div class=\"pt-cv-rmwrap\"><a href=\"https:\/\/www.dmsjuridica.com\/buscador_20179478954\/corteconstitucionalcronologico202454587\/t-966-01\/\" class=\"_self pt-cv-readmore btn btn-success\" target=\"_self\">Ver Sentencia Completa...<\/a><\/div><\/div><\/div><\/div>\n<div class=\"col-md-12 col-sm-12 col-xs-12 pt-cv-content-item pt-cv-1-col\" ><div class='pt-cv-ifield'><a href=\"https:\/\/www.dmsjuridica.com\/buscador_20179478954\/corteconstitucionalcronologico202454587\/t-965-01\/\" class=\"_self pt-cv-href-thumbnail pt-cv-thumb-default\" target=\"_self\" ><\/a>\n<div class=\"pt-cv-taxoterm above_title\"><a href='https:\/\/www.dmsjuridica.com\/buscador_20179478954\/corteconstitucionalcronologico202454587\/category\/buscar-en-toda-la-corte\/2001\/tutelas-2001\/' title='Tutelas 2001' class='pt-cv-tax-tutelas-2001'>Tutelas 2001<\/a><\/div>\n<h4 class=\"pt-cv-title\"><a href=\"https:\/\/www.dmsjuridica.com\/buscador_20179478954\/corteconstitucionalcronologico202454587\/t-965-01\/\" class=\"_self\" target=\"_self\" >T-965-01<\/a><\/h4>\n<div class=\"pt-cv-content\">\u00a0 \u00a0 Sentencia T-965\/01 \u00a0 DERECHO DE PETICION EN VIA GUBERNATIVA-No resoluci\u00f3n oportuna de recursos\/DEBIDO PROCESO Y DERECHO DE PETICION-Tr\u00e1mite de recursos gubernativos \u00a0 DERECHO DE PETICION FRENTE AL SILENCIO ADMINISTRATIVO NEGATIVO-Deber de resolver la solicitud \u00a0 Referencia: expedientes T-485.187 y T-486.606.\u00a0 \u00a0 Acciones de tutela de Kelly Sandoval Orozco y Luis Alcides Tob\u00f3n G\u00f3mez . \u00a0 Procedencia: Tribunal Superior del Distrito Judicial de Cali, Sala Laboral y Juzgado 32 Civil del Circuito de Bogot\u00e1.\u00a0 \u00a0 Magistrado sustanciador:\u00a0 \u00a0 Dr. ALFREDO BELTR\u00c1N SIERRA \u00a0 Sentencia aprobada en Bogot\u00e1, D.C., en sesi\u00f3n del diez (10) de septiembre de dos mil uno ...<br \/><div class=\"pt-cv-rmwrap\"><a href=\"https:\/\/www.dmsjuridica.com\/buscador_20179478954\/corteconstitucionalcronologico202454587\/t-965-01\/\" class=\"_self pt-cv-readmore btn btn-success\" target=\"_self\">Ver Sentencia Completa...<\/a><\/div><\/div><\/div><\/div>\n<div class=\"col-md-12 col-sm-12 col-xs-12 pt-cv-content-item pt-cv-1-col\" ><div class='pt-cv-ifield'><a href=\"https:\/\/www.dmsjuridica.com\/buscador_20179478954\/corteconstitucionalcronologico202454587\/t-964-01\/\" class=\"_self pt-cv-href-thumbnail pt-cv-thumb-default\" target=\"_self\" ><\/a>\n<div class=\"pt-cv-taxoterm above_title\"><a href='https:\/\/www.dmsjuridica.com\/buscador_20179478954\/corteconstitucionalcronologico202454587\/category\/buscar-en-toda-la-corte\/2001\/tutelas-2001\/' title='Tutelas 2001' class='pt-cv-tax-tutelas-2001'>Tutelas 2001<\/a><\/div>\n<h4 class=\"pt-cv-title\"><a href=\"https:\/\/www.dmsjuridica.com\/buscador_20179478954\/corteconstitucionalcronologico202454587\/t-964-01\/\" class=\"_self\" target=\"_self\" >T-964-01<\/a><\/h4>\n<div class=\"pt-cv-content\">\u00a0 \u00a0 Sentencia T-964\/01 \u00a0 CEDULA DE CIUDADANIA-Finalidad \u00a0 La Constituci\u00f3n y la ley han asignado a la c\u00e9dula de ciudadan\u00eda, tres funciones particularmente diferentes pero unidas por una finalidad com\u00fan, cual es la de identificar a las personas, permitir el ejercicio de sus derechos civiles y asegurar la participaci\u00f3n de los ciudadanos en la actividad pol\u00edtica que propicia y estimula la democracia. \u00a0 CIUDADANIA-Presupuesto esencial para ejercicio de derechos pol\u00edticos \u00a0 CEDULA DE CIUDADANIA-Contrase\u00f1a no sirve de excusa para no expedir prontamente el documento \u00a0 Si bien es cierto, la Registradur\u00eda Nacional del Estado Civil expide una contrase\u00f1a que ...<br \/><div class=\"pt-cv-rmwrap\"><a href=\"https:\/\/www.dmsjuridica.com\/buscador_20179478954\/corteconstitucionalcronologico202454587\/t-964-01\/\" class=\"_self pt-cv-readmore btn btn-success\" target=\"_self\">Ver Sentencia Completa...<\/a><\/div><\/div><\/div><\/div>\n<div class=\"col-md-12 col-sm-12 col-xs-12 pt-cv-content-item pt-cv-1-col\" ><div class='pt-cv-ifield'><a href=\"https:\/\/www.dmsjuridica.com\/buscador_20179478954\/corteconstitucionalcronologico202454587\/t-963-01\/\" class=\"_self pt-cv-href-thumbnail pt-cv-thumb-default\" target=\"_self\" ><\/a>\n<div class=\"pt-cv-taxoterm above_title\"><a href='https:\/\/www.dmsjuridica.com\/buscador_20179478954\/corteconstitucionalcronologico202454587\/category\/buscar-en-toda-la-corte\/2001\/tutelas-2001\/' title='Tutelas 2001' class='pt-cv-tax-tutelas-2001'>Tutelas 2001<\/a><\/div>\n<h4 class=\"pt-cv-title\"><a href=\"https:\/\/www.dmsjuridica.com\/buscador_20179478954\/corteconstitucionalcronologico202454587\/t-963-01\/\" class=\"_self\" target=\"_self\" >T-963-01<\/a><\/h4>\n<div class=\"pt-cv-content\">\u00a0 \u00a0 Sentencia T-963\/01 \u00a0 LEGITIMACION POR ACTIVA EN TUTELA-Cualquier persona puede exigir el cumplimiento de derechos de los ni\u00f1os \u00a0 ESTADO CIVIL DE LAS PERSONAS-Alcance \u00a0 La inscripci\u00f3n en el registro civil, es un procedimiento que sirve para establecer, probar, y publicar todo lo relacionado con el estado civil \u00a0de las personas, desde su nacimiento hasta su muerte. El estado civil es un conjunto de situaciones jur\u00eddicas que relacionan a cada persona con la familia de donde proviene, o con la familia que ha formado y con ciertos hechos fundamentales de la misma personalidad. Igualmente, el decreto 1260 de ...<br \/><div class=\"pt-cv-rmwrap\"><a href=\"https:\/\/www.dmsjuridica.com\/buscador_20179478954\/corteconstitucionalcronologico202454587\/t-963-01\/\" class=\"_self pt-cv-readmore btn btn-success\" target=\"_self\">Ver Sentencia Completa...<\/a><\/div><\/div><\/div><\/div>\n<div class=\"col-md-12 col-sm-12 col-xs-12 pt-cv-content-item pt-cv-1-col\" ><div class='pt-cv-ifield'><a href=\"https:\/\/www.dmsjuridica.com\/buscador_20179478954\/corteconstitucionalcronologico202454587\/t-962-01\/\" class=\"_self pt-cv-href-thumbnail pt-cv-thumb-default\" target=\"_self\" ><\/a>\n<div class=\"pt-cv-taxoterm above_title\"><a href='https:\/\/www.dmsjuridica.com\/buscador_20179478954\/corteconstitucionalcronologico202454587\/category\/buscar-en-toda-la-corte\/2001\/tutelas-2001\/' title='Tutelas 2001' class='pt-cv-tax-tutelas-2001'>Tutelas 2001<\/a><\/div>\n<h4 class=\"pt-cv-title\"><a href=\"https:\/\/www.dmsjuridica.com\/buscador_20179478954\/corteconstitucionalcronologico202454587\/t-962-01\/\" class=\"_self\" target=\"_self\" >T-962-01<\/a><\/h4>\n<div class=\"pt-cv-content\">\u00a0 \u00a0 Sentencia T-962\/01 \u00a0 ALCALDE-Destituci\u00f3n \u00a0 PRINCIPIO DE FAVORABILIDAD A LOS PROCESADOS-Aplicaci\u00f3n por los jueces\/SENTENCIA-Cumplimiento obligatorio \u00a0 No es una autoridad administrativa la llamada a aplicar el principio de la favorabilidad a los procesados, dicho an\u00e1lisis jur\u00eddico le compete a los jueces quienes se pronunciaran al respecto en sus providencias, las cuales son de obligatorio cumplimiento. Ha sostenido esta Corporaci\u00f3n, que ninguna autoridad p\u00fablica puede sustraerse del deber de acatar sin discusi\u00f3n los fallos judiciales, que en el evento de \u00a0resultar equivocados o errados como puede suceder, la Constituci\u00f3n y la ley consagran los mecanismos jur\u00eddicos id\u00f3neos para atacarlos ...<br \/><div class=\"pt-cv-rmwrap\"><a href=\"https:\/\/www.dmsjuridica.com\/buscador_20179478954\/corteconstitucionalcronologico202454587\/t-962-01\/\" class=\"_self pt-cv-readmore btn btn-success\" target=\"_self\">Ver Sentencia Completa...<\/a><\/div><\/div><\/div><\/div>\n<div class=\"col-md-12 col-sm-12 col-xs-12 pt-cv-content-item pt-cv-1-col\" ><div class='pt-cv-ifield'><a href=\"https:\/\/www.dmsjuridica.com\/buscador_20179478954\/corteconstitucionalcronologico202454587\/t-961-01\/\" class=\"_self pt-cv-href-thumbnail pt-cv-thumb-default\" target=\"_self\" ><\/a>\n<div class=\"pt-cv-taxoterm above_title\"><a href='https:\/\/www.dmsjuridica.com\/buscador_20179478954\/corteconstitucionalcronologico202454587\/category\/buscar-en-toda-la-corte\/2001\/tutelas-2001\/' title='Tutelas 2001' class='pt-cv-tax-tutelas-2001'>Tutelas 2001<\/a><\/div>\n<h4 class=\"pt-cv-title\"><a href=\"https:\/\/www.dmsjuridica.com\/buscador_20179478954\/corteconstitucionalcronologico202454587\/t-961-01\/\" class=\"_self\" target=\"_self\" >T-961-01<\/a><\/h4>\n<div class=\"pt-cv-content\">\u00a0 \u00a0 Sentencia T-961\/01\u00a0 \u00a0 REGIMEN SUBSIDIADO DE SEGURIDAD SOCIAL EN SALUD-Naturaleza \u00a0 SISBEN-Carn\u00e9 de afiliado no es el que otorga el derecho \u00a0 Las etapas que administrativamente se deben dar para carnetizar a los protegidos por el Sisben constituyen un requisito a llenar pero eso no significa que el aspecto mec\u00e1nico de la carnetizaci\u00f3n es el que otorga el derecho. En consecuencia, no es necesaria \u00a0una declaraci\u00f3n de funcionario p\u00fablico o privado para configurarse la situaci\u00f3n \u00a0de protecci\u00f3n de un derecho fundamental. \u00a0 SISBEN-Demora en carnetizaci\u00f3n no es obst\u00e1culo para realizar tratamiento \u00a0 En el caso de la presente ...<br \/><div class=\"pt-cv-rmwrap\"><a href=\"https:\/\/www.dmsjuridica.com\/buscador_20179478954\/corteconstitucionalcronologico202454587\/t-961-01\/\" class=\"_self pt-cv-readmore btn btn-success\" target=\"_self\">Ver Sentencia Completa...<\/a><\/div><\/div><\/div><\/div>\n<div class=\"col-md-12 col-sm-12 col-xs-12 pt-cv-content-item pt-cv-1-col\" ><div class='pt-cv-ifield'><a href=\"https:\/\/www.dmsjuridica.com\/buscador_20179478954\/corteconstitucionalcronologico202454587\/t-960-01\/\" class=\"_self pt-cv-href-thumbnail pt-cv-thumb-default\" target=\"_self\" ><\/a>\n<div class=\"pt-cv-taxoterm above_title\"><a href='https:\/\/www.dmsjuridica.com\/buscador_20179478954\/corteconstitucionalcronologico202454587\/category\/buscar-en-toda-la-corte\/2001\/tutelas-2001\/' title='Tutelas 2001' class='pt-cv-tax-tutelas-2001'>Tutelas 2001<\/a><\/div>\n<h4 class=\"pt-cv-title\"><a href=\"https:\/\/www.dmsjuridica.com\/buscador_20179478954\/corteconstitucionalcronologico202454587\/t-960-01\/\" class=\"_self\" target=\"_self\" >T-960-01<\/a><\/h4>\n<div class=\"pt-cv-content\">\u00a0 \u00a0 Sentencia T-960\/01 \u00a0 RATIO DECIDENDI-Alcance\/OBITER DICTA-Alcance \u00a0 ENTIDAD PROMOTORA DE SALUD-Repetici\u00f3n contra el FOSYGA \u00a0 MUJER EMBARAZADA-Protecci\u00f3n\/MUJER EMBARAZADA-Examen de diagnostico para detectar anomal\u00eda del feto \u00a0 DERECHO A LA INFORMACION MINIMA VITAL-Examen de diagn\u00f3stico para detectar s\u00edndrome de turner en feto \u00a0 DERECHO A LA INFORMACION-Conocimiento por las personas de las exclusiones del POS \u00a0 Reiteraci\u00f3n De Jurisprudencia \u00a0 Referencia: expediente: T-433061 \u00a0 Acci\u00f3n de tutela instaurada por Blanca Melba Pati\u00f1o contra el Seguro Social. \u00a0 Magistrado ponente: \u00a0 Dr. EDUARDO MONTEALEGRE LYNETT \u00a0 Bogot\u00e1, D.C. seis (6) de septiembre de dos mil uno (2001). \u00a0 La Sala ...<br \/><div class=\"pt-cv-rmwrap\"><a href=\"https:\/\/www.dmsjuridica.com\/buscador_20179478954\/corteconstitucionalcronologico202454587\/t-960-01\/\" class=\"_self pt-cv-readmore btn btn-success\" target=\"_self\">Ver Sentencia Completa...<\/a><\/div><\/div><\/div><\/div>\n<div class=\"col-md-12 col-sm-12 col-xs-12 pt-cv-content-item pt-cv-1-col\" ><div class='pt-cv-ifield'><a href=\"https:\/\/www.dmsjuridica.com\/buscador_20179478954\/corteconstitucionalcronologico202454587\/t-959-01\/\" class=\"_self pt-cv-href-thumbnail pt-cv-thumb-default\" target=\"_self\" ><\/a>\n<div class=\"pt-cv-taxoterm above_title\"><a href='https:\/\/www.dmsjuridica.com\/buscador_20179478954\/corteconstitucionalcronologico202454587\/category\/buscar-en-toda-la-corte\/2001\/tutelas-2001\/' title='Tutelas 2001' class='pt-cv-tax-tutelas-2001'>Tutelas 2001<\/a><\/div>\n<h4 class=\"pt-cv-title\"><a href=\"https:\/\/www.dmsjuridica.com\/buscador_20179478954\/corteconstitucionalcronologico202454587\/t-959-01\/\" class=\"_self\" target=\"_self\" >T-959-01<\/a><\/h4>\n<div class=\"pt-cv-content\">\u00a0 \u00a0 Sentencia T-959\/01 \u00a0 ACCION DE TUTELA-Procedencia excepcional pago de acreencias laborales \u00a0 DERECHO AL MINIMO VITAL DEL PENSIONADO-Presunci\u00f3n de afectaci\u00f3n por ausencia prolongada en pago de mesadas \u00a0 DERECHO AL MINIMO VITAL DEL PENSIONADO-Pago oportuno de mesadas \u00a0 EMPLEADOR-Situaci\u00f3n econ\u00f3mica o presupuestal no es \u00f3bice para desconocer pago de mesadas pensionales \u00a0 ACCION DE TUTELA-Inexistencia de perjuicio irremediable\/ACCION DE TUTELA-Improcedencia pago de cesant\u00edas definitivas \u00a0 FALLO DE TUTELA-Cumplimiento inmediato\/PAGO DE LO DEBIDO-Mesadas pensionales \u00a0 - Reiteraci\u00f3n de Jurisprudencia - \u00a0 Acci\u00f3n de tutela instaurada por Dora Agustina Estacio contra el Alcalde Municipal de Roberto Pay\u00e1n (Nari\u00f1o). \u00a0 Magistrado ...<br \/><div class=\"pt-cv-rmwrap\"><a href=\"https:\/\/www.dmsjuridica.com\/buscador_20179478954\/corteconstitucionalcronologico202454587\/t-959-01\/\" class=\"_self pt-cv-readmore btn btn-success\" target=\"_self\">Ver Sentencia Completa...<\/a><\/div><\/div><\/div><\/div>\n<div class=\"col-md-12 col-sm-12 col-xs-12 pt-cv-content-item pt-cv-1-col\" ><div class='pt-cv-ifield'><a href=\"https:\/\/www.dmsjuridica.com\/buscador_20179478954\/corteconstitucionalcronologico202454587\/t-958-01\/\" class=\"_self pt-cv-href-thumbnail pt-cv-thumb-default\" target=\"_self\" ><\/a>\n<div class=\"pt-cv-taxoterm above_title\"><a href='https:\/\/www.dmsjuridica.com\/buscador_20179478954\/corteconstitucionalcronologico202454587\/category\/buscar-en-toda-la-corte\/2001\/tutelas-2001\/' title='Tutelas 2001' class='pt-cv-tax-tutelas-2001'>Tutelas 2001<\/a><\/div>\n<h4 class=\"pt-cv-title\"><a href=\"https:\/\/www.dmsjuridica.com\/buscador_20179478954\/corteconstitucionalcronologico202454587\/t-958-01\/\" class=\"_self\" target=\"_self\" >T-958-01<\/a><\/h4>\n<div class=\"pt-cv-content\">\u00a0 \u00a0 Sentencia T-958\/01 \u00a0 DERECHOS \u00a0SOCIALES-Situaciones bajo las cuales existe un derecho subjetivo amparable por tutela \u00a0 DERECHO A LA VIVIENDA DIGNA-Naturaleza jur\u00eddica \u00a0 PRINCIPIO DE DIGNIDAD HUMANA-Alcance \u00a0 El principio de dignidad humana, base \u00faltima del sistema jur\u00eddico, exige del Estado y de los particulares un compromiso permanente por respetar los valores de igualdad, libertad y solidaridad, as\u00ed como por asegurar la realidad del debido proceso. De ah\u00ed que no pueda entenderse que la misi\u00f3n estatal se limite a la protecci\u00f3n de la libertad y sus desarrollos concretos o a la igualdad y sus elementos concretos. Por el ...<br \/><div class=\"pt-cv-rmwrap\"><a href=\"https:\/\/www.dmsjuridica.com\/buscador_20179478954\/corteconstitucionalcronologico202454587\/t-958-01\/\" class=\"_self pt-cv-readmore btn btn-success\" target=\"_self\">Ver Sentencia Completa...<\/a><\/div><\/div><\/div><\/div>\n<div class=\"col-md-12 col-sm-12 col-xs-12 pt-cv-content-item pt-cv-1-col\" ><div class='pt-cv-ifield'><a href=\"https:\/\/www.dmsjuridica.com\/buscador_20179478954\/corteconstitucionalcronologico202454587\/t-947-01\/\" class=\"_self pt-cv-href-thumbnail pt-cv-thumb-default\" target=\"_self\" ><\/a>\n<div class=\"pt-cv-taxoterm above_title\"><a href='https:\/\/www.dmsjuridica.com\/buscador_20179478954\/corteconstitucionalcronologico202454587\/category\/buscar-en-toda-la-corte\/2001\/tutelas-2001\/' title='Tutelas 2001' class='pt-cv-tax-tutelas-2001'>Tutelas 2001<\/a><\/div>\n<h4 class=\"pt-cv-title\"><a href=\"https:\/\/www.dmsjuridica.com\/buscador_20179478954\/corteconstitucionalcronologico202454587\/t-947-01\/\" class=\"_self\" target=\"_self\" >T-947-01<\/a><\/h4>\n<div class=\"pt-cv-content\">\u00a0 \u00a0 Sentencia T-947\/01 \u00a0 ACCION DE TUTELA-Procedencia excepcional pago de mesadas pensionales \u00a0 DERECHO AL MINIMO VITAL DEL PENSIONADO-Presunci\u00f3n de afectaci\u00f3n por ausencia prolongada en pago de mesadas \u00a0 DERECHO AL MINIMO VITAL DEL PENSIONADO-Pago oportuno de mesadas \u00a0 DERECHO A LA PROPIEDAD-Inexistencia de vulneraci\u00f3n\u00a0 \u00a0 Referencia: expediente T-456264 \u00a0 Acci\u00f3n de tutela instaurada por Pedro Le\u00f3n Hinestroza C\u00f3rdoba contra la Empresa Comercial de Loter\u00edas del Choc\u00f3 \u00a0 Magistrado ponente:\u00a0 \u00a0 Dr. MANUEL JOS\u00c9 CEPEDA ESPINOSA \u00a0 Bogot\u00e1, D.C., septiembre cuatro (4) de dos mil uno (2001) \u00a0 La Sala Tercera de Revisi\u00f3n de la Corte Constitucional, integrada por ...<br \/><div class=\"pt-cv-rmwrap\"><a href=\"https:\/\/www.dmsjuridica.com\/buscador_20179478954\/corteconstitucionalcronologico202454587\/t-947-01\/\" class=\"_self pt-cv-readmore btn btn-success\" target=\"_self\">Ver Sentencia Completa...<\/a><\/div><\/div><\/div><\/div>\n<div class=\"col-md-12 col-sm-12 col-xs-12 pt-cv-content-item pt-cv-1-col\" ><div class='pt-cv-ifield'><a href=\"https:\/\/www.dmsjuridica.com\/buscador_20179478954\/corteconstitucionalcronologico202454587\/t-946-01\/\" class=\"_self pt-cv-href-thumbnail pt-cv-thumb-default\" target=\"_self\" ><\/a>\n<div class=\"pt-cv-taxoterm above_title\"><a href='https:\/\/www.dmsjuridica.com\/buscador_20179478954\/corteconstitucionalcronologico202454587\/category\/buscar-en-toda-la-corte\/2001\/tutelas-2001\/' title='Tutelas 2001' class='pt-cv-tax-tutelas-2001'>Tutelas 2001<\/a><\/div>\n<h4 class=\"pt-cv-title\"><a href=\"https:\/\/www.dmsjuridica.com\/buscador_20179478954\/corteconstitucionalcronologico202454587\/t-946-01\/\" class=\"_self\" target=\"_self\" >T-946-01<\/a><\/h4>\n<div class=\"pt-cv-content\">\u00a0 \u00a0 Sentencia T-946\/01 \u00a0 DERECHO A LA SALUD-Alcance y contenido\/DERECHO A LA SEGURIDAD SOCIAL-Alcance y contenido \u00a0 ACCION DE TUTELA-Protecci\u00f3n de derechos prestacionales por conexidad\u00a0 \u00a0 ENTIDAD PROMOTORA DE SALUD-Requisitos para afiliaci\u00f3n de compa\u00f1ero permanente como beneficiario \u00a0 El texto legal reconoce la posibilidad de que quien se afilia a una entidad promotora de servicios de salud - v.gr. una EPS -, pueda vincular a su compa\u00f1ero permanente. Sin embargo, ante esta eventualidad se debe cumplir con una serie de requisitos contenidos en la reglamentaci\u00f3n posterior a la expedici\u00f3n de la Ley 100 y que, por esta raz\u00f3n, tambi\u00e9n ...<br \/><div class=\"pt-cv-rmwrap\"><a href=\"https:\/\/www.dmsjuridica.com\/buscador_20179478954\/corteconstitucionalcronologico202454587\/t-946-01\/\" class=\"_self pt-cv-readmore btn btn-success\" target=\"_self\">Ver Sentencia Completa...<\/a><\/div><\/div><\/div><\/div>\n<div class=\"col-md-12 col-sm-12 col-xs-12 pt-cv-content-item pt-cv-1-col\" ><div class='pt-cv-ifield'><a href=\"https:\/\/www.dmsjuridica.com\/buscador_20179478954\/corteconstitucionalcronologico202454587\/t-945-01\/\" class=\"_self pt-cv-href-thumbnail pt-cv-thumb-default\" target=\"_self\" ><\/a>\n<div class=\"pt-cv-taxoterm above_title\"><a href='https:\/\/www.dmsjuridica.com\/buscador_20179478954\/corteconstitucionalcronologico202454587\/category\/buscar-en-toda-la-corte\/2001\/tutelas-2001\/' title='Tutelas 2001' class='pt-cv-tax-tutelas-2001'>Tutelas 2001<\/a><\/div>\n<h4 class=\"pt-cv-title\"><a href=\"https:\/\/www.dmsjuridica.com\/buscador_20179478954\/corteconstitucionalcronologico202454587\/t-945-01\/\" class=\"_self\" target=\"_self\" >T-945-01<\/a><\/h4>\n<div class=\"pt-cv-content\">\u00a0 \u00a0 Sentencia T-945\/01 \u00a0 DEBIDO PROCESO-Contenido \u00a0 DEBIDO PROCESO-Alcance \u00a0 El derecho al debido proceso hace referencia a un \u00a0 conjunto complejo de circunstancias (por ejemplo, la definici\u00f3n del status de las personas, o la consagraci\u00f3n de actos, etapas, oportunidades e intercambios), se\u00f1aladas por la Constituci\u00f3n y la ley que \u201cprotegen al ciudadano sometido a cualquier proceso\u201d, asegur\u00e1ndole a lo largo del mismo la posibilidad de defender sus intereses mediante el se\u00f1alamiento expreso de los requisitos y obligaciones que debe cumplir y de los recursos con los que cuenta para impugnar las decisiones de la autoridad. \u00a0Pero tambi\u00e9n la ...<br \/><div class=\"pt-cv-rmwrap\"><a href=\"https:\/\/www.dmsjuridica.com\/buscador_20179478954\/corteconstitucionalcronologico202454587\/t-945-01\/\" class=\"_self pt-cv-readmore btn btn-success\" target=\"_self\">Ver Sentencia Completa...<\/a><\/div><\/div><\/div><\/div>\n<div class=\"col-md-12 col-sm-12 col-xs-12 pt-cv-content-item pt-cv-1-col\" ><div class='pt-cv-ifield'><a href=\"https:\/\/www.dmsjuridica.com\/buscador_20179478954\/corteconstitucionalcronologico202454587\/t-944-01\/\" class=\"_self pt-cv-href-thumbnail pt-cv-thumb-default\" target=\"_self\" ><\/a>\n<div class=\"pt-cv-taxoterm above_title\"><a href='https:\/\/www.dmsjuridica.com\/buscador_20179478954\/corteconstitucionalcronologico202454587\/category\/buscar-en-toda-la-corte\/2001\/tutelas-2001\/' title='Tutelas 2001' class='pt-cv-tax-tutelas-2001'>Tutelas 2001<\/a><\/div>\n<h4 class=\"pt-cv-title\"><a href=\"https:\/\/www.dmsjuridica.com\/buscador_20179478954\/corteconstitucionalcronologico202454587\/t-944-01\/\" class=\"_self\" target=\"_self\" >T-944-01<\/a><\/h4>\n<div class=\"pt-cv-content\">\u00a0 \u00a0 Sentencia T-944\/01 \u00a0 DERECHO A LA DIGNIDAD HUMANA DE LOS RETENIDOS-Protecci\u00f3n\/DERECHOS DE LAS PERSONAS RETENIDAS Y SINDICADAS EN SALAS DE RECLUSION-Autoridades responsables \u00a0 ACCION DE TUTELA-Hecho superado \u00a0 Referencia: expediente T-446102. Acci\u00f3n de tutela presentada por Jorge Daniel Tabarquino Bartolo contra el Comandante de la Seccional de Polic\u00eda Judicial \u2013Sijin- de la Polic\u00eda Metropolitana de Bogot\u00e1.\u00a0 \u00a0 Magistrada Ponente: \u00a0 Dra. CLARA IN\u00c9S VARGAS HERN\u00c1NDEZ \u00a0 Bogot\u00e1, D. C., cuatro (4) de septiembre de dos mil uno (2001). \u00a0 \u00a0 SENTENCIA \u00a0 En el proceso de revisi\u00f3n del fallo calendado el 12 de marzo de 2001, por medio ...<br \/><div class=\"pt-cv-rmwrap\"><a href=\"https:\/\/www.dmsjuridica.com\/buscador_20179478954\/corteconstitucionalcronologico202454587\/t-944-01\/\" class=\"_self pt-cv-readmore btn btn-success\" target=\"_self\">Ver Sentencia Completa...<\/a><\/div><\/div><\/div><\/div>\n<div class=\"col-md-12 col-sm-12 col-xs-12 pt-cv-content-item pt-cv-1-col\" ><div class='pt-cv-ifield'><a href=\"https:\/\/www.dmsjuridica.com\/buscador_20179478954\/corteconstitucionalcronologico202454587\/t-943-01\/\" class=\"_self pt-cv-href-thumbnail pt-cv-thumb-default\" target=\"_self\" ><\/a>\n<div class=\"pt-cv-taxoterm above_title\"><a href='https:\/\/www.dmsjuridica.com\/buscador_20179478954\/corteconstitucionalcronologico202454587\/category\/buscar-en-toda-la-corte\/2001\/tutelas-2001\/' title='Tutelas 2001' class='pt-cv-tax-tutelas-2001'>Tutelas 2001<\/a><\/div>\n<h4 class=\"pt-cv-title\"><a href=\"https:\/\/www.dmsjuridica.com\/buscador_20179478954\/corteconstitucionalcronologico202454587\/t-943-01\/\" class=\"_self\" target=\"_self\" >T-943-01<\/a><\/h4>\n<div class=\"pt-cv-content\">ACCION DE TUTELA-Improcedencia por no vulneraci\u00f3n de derechos fundamentales\/DERECHO A LA SALUD-No compromete la vida \u00a0 Referencia: expediente T-457316. Acci\u00f3n de tutela promovida por Natalia Janeth Mar\u00edn S\u00e1nchez contra el Centro Regulador de Atenciones Especiales \u2013Crae-, Direcci\u00f3n Seccional de Salud de Antioquia.\u00a0 \u00a0 Magistrada ponente: \u00a0 Dra. CLARA IN\u00c9S VARGAS HERN\u00c1NDEZ \u00a0 Bogot\u00e1, D. C., cuatro (4) de septiembre de dos mil uno (2001). \u00a0 La Sala Novena de Revisi\u00f3n de la Corte Constitucional, en ejercicio de sus competencias constitucionales y legales, concretamente las previstas en los art\u00edculos 86 y 241, numeral 9, de la Constituci\u00f3n Pol\u00edtica y en el ...<br \/><div class=\"pt-cv-rmwrap\"><a href=\"https:\/\/www.dmsjuridica.com\/buscador_20179478954\/corteconstitucionalcronologico202454587\/t-943-01\/\" class=\"_self pt-cv-readmore btn btn-success\" target=\"_self\">Ver Sentencia Completa...<\/a><\/div><\/div><\/div><\/div>\n<div class=\"col-md-12 col-sm-12 col-xs-12 pt-cv-content-item pt-cv-1-col\" ><div class='pt-cv-ifield'><a href=\"https:\/\/www.dmsjuridica.com\/buscador_20179478954\/corteconstitucionalcronologico202454587\/t-942-01\/\" class=\"_self pt-cv-href-thumbnail pt-cv-thumb-default\" target=\"_self\" ><\/a>\n<div class=\"pt-cv-taxoterm above_title\"><a href='https:\/\/www.dmsjuridica.com\/buscador_20179478954\/corteconstitucionalcronologico202454587\/category\/buscar-en-toda-la-corte\/2001\/tutelas-2001\/' title='Tutelas 2001' class='pt-cv-tax-tutelas-2001'>Tutelas 2001<\/a><\/div>\n<h4 class=\"pt-cv-title\"><a href=\"https:\/\/www.dmsjuridica.com\/buscador_20179478954\/corteconstitucionalcronologico202454587\/t-942-01\/\" class=\"_self\" target=\"_self\" >T-942-01<\/a><\/h4>\n<div class=\"pt-cv-content\">\u00a0 \u00a0 Sentencia T-942\/01 \u00a0 ACCION DE TUTELA-Procedencia excepcional pago de salarios \u00a0 DERECHO AL MINIMO VITAL DEL TRABAJADOR-Presunci\u00f3n de afectaci\u00f3n por ausencia prolongada en pago de salarios \u00a0 Referencia: expedientes Acumulados T-433371, T-433372 y T-433373. Acciones de tutela promovidas individualmente contra la Alcald\u00eda Municipal de Tibacuy, Cundinamarca, por Claudia Milena Baquero Tibavizco y otros.\u00a0 \u00a0 Magistrada ponente: \u00a0 Dra. CLARA IN\u00c9S VARGAS HERN\u00c1NDEZ \u00a0 Bogot\u00e1, \u00a0D. C., cuatro (4) de septiembre de dos mil uno (2001). \u00a0 La Sala Novena de Revisi\u00f3n de Tutelas de la Corte Constitucional, integrada por \u00a0los Magistrados CLARA INES VARGAS HERNANDEZ, JAIME ARAUJO RENTERIA ...<br \/><div class=\"pt-cv-rmwrap\"><a href=\"https:\/\/www.dmsjuridica.com\/buscador_20179478954\/corteconstitucionalcronologico202454587\/t-942-01\/\" class=\"_self pt-cv-readmore btn btn-success\" target=\"_self\">Ver Sentencia Completa...<\/a><\/div><\/div><\/div><\/div>\n<div class=\"col-md-12 col-sm-12 col-xs-12 pt-cv-content-item pt-cv-1-col\" ><div class='pt-cv-ifield'><a href=\"https:\/\/www.dmsjuridica.com\/buscador_20179478954\/corteconstitucionalcronologico202454587\/t-941-01\/\" class=\"_self pt-cv-href-thumbnail pt-cv-thumb-default\" target=\"_self\" ><\/a>\n<div class=\"pt-cv-taxoterm above_title\"><a href='https:\/\/www.dmsjuridica.com\/buscador_20179478954\/corteconstitucionalcronologico202454587\/category\/buscar-en-toda-la-corte\/2001\/tutelas-2001\/' title='Tutelas 2001' class='pt-cv-tax-tutelas-2001'>Tutelas 2001<\/a><\/div>\n<h4 class=\"pt-cv-title\"><a href=\"https:\/\/www.dmsjuridica.com\/buscador_20179478954\/corteconstitucionalcronologico202454587\/t-941-01\/\" class=\"_self\" target=\"_self\" >T-941-01<\/a><\/h4>\n<div class=\"pt-cv-content\">\u00a0 \u00a0 Sentencia T-941\/01 \u00a0 DESOBEDIENCIA CIVIL DE INTERNOS-No se pudo practicar notificaci\u00f3n de providencia de cierre investigativo \u00a0 DESOBEDIENCIA CIVIL-Notificaci\u00f3n de providencia \u00a0condicionada a car\u00e1cter favorable \u00a0 En el caso de autos se observa que, pese a los rigores pragm\u00e1ticos que envolv\u00eda la desobediencia civil de los internos de la C\u00e1rcel Modelo, y habida consideraci\u00f3n de los m\u00faltiples intentos de notificaci\u00f3n hechos por las autoridades, el actor, con un poco de inter\u00e9s de su parte bien hab\u00eda podido notificarse de la providencia de cierre de investigaci\u00f3n, tal como s\u00ed lo hizo frente a la providencia que le neg\u00f3 el ...<br \/><div class=\"pt-cv-rmwrap\"><a href=\"https:\/\/www.dmsjuridica.com\/buscador_20179478954\/corteconstitucionalcronologico202454587\/t-941-01\/\" class=\"_self pt-cv-readmore btn btn-success\" target=\"_self\">Ver Sentencia Completa...<\/a><\/div><\/div><\/div><\/div>\n<div class=\"col-md-12 col-sm-12 col-xs-12 pt-cv-content-item pt-cv-1-col\" ><div class='pt-cv-ifield'><a href=\"https:\/\/www.dmsjuridica.com\/buscador_20179478954\/corteconstitucionalcronologico202454587\/t-940-01\/\" class=\"_self pt-cv-href-thumbnail pt-cv-thumb-default\" target=\"_self\" ><\/a>\n<div class=\"pt-cv-taxoterm above_title\"><a href='https:\/\/www.dmsjuridica.com\/buscador_20179478954\/corteconstitucionalcronologico202454587\/category\/buscar-en-toda-la-corte\/2001\/tutelas-2001\/' title='Tutelas 2001' class='pt-cv-tax-tutelas-2001'>Tutelas 2001<\/a><\/div>\n<h4 class=\"pt-cv-title\"><a href=\"https:\/\/www.dmsjuridica.com\/buscador_20179478954\/corteconstitucionalcronologico202454587\/t-940-01\/\" class=\"_self\" target=\"_self\" >T-940-01<\/a><\/h4>\n<div class=\"pt-cv-content\">\u00a0 \u00a0 Sentencia T-940\/01 \u00a0 PENSION DE JUBILACION-Incompatible con pensi\u00f3n de vejez \u00a0 ACCION DE TUTELA-Improcedencia por no ejercicio oportuno de recursos \u00a0 PRINCIPIO DE LA BUENA FE-Desconocimiento \u00a0 PRINCIPIO DE UNIDAD Y UNIVERSALIDAD DE LAS PRESTACIONES-Pensionado no puede pretender duplicidad o acumulaci\u00f3n de beneficios \u00a0 La Sala \u00a0encontr\u00f3 que jam\u00e1s se ha dejado de pagar la mesada pensional al actor, y su disminuci\u00f3n, en raz\u00f3n de las consideraciones expuestas, no ha atentado contra su m\u00ednimo vital y mucho menos ha puesto en peligro otros derechos fundamentales del demandante. Al compartirse una pensi\u00f3n de jubilaci\u00f3n con el I.S.S., no se ...<br \/><div class=\"pt-cv-rmwrap\"><a href=\"https:\/\/www.dmsjuridica.com\/buscador_20179478954\/corteconstitucionalcronologico202454587\/t-940-01\/\" class=\"_self pt-cv-readmore btn btn-success\" target=\"_self\">Ver Sentencia Completa...<\/a><\/div><\/div><\/div><\/div>\n<div class=\"col-md-12 col-sm-12 col-xs-12 pt-cv-content-item pt-cv-1-col\" ><div class='pt-cv-ifield'><a href=\"https:\/\/www.dmsjuridica.com\/buscador_20179478954\/corteconstitucionalcronologico202454587\/t-939-01\/\" class=\"_self pt-cv-href-thumbnail pt-cv-thumb-default\" target=\"_self\" ><\/a>\n<div class=\"pt-cv-taxoterm above_title\"><a href='https:\/\/www.dmsjuridica.com\/buscador_20179478954\/corteconstitucionalcronologico202454587\/category\/buscar-en-toda-la-corte\/2001\/tutelas-2001\/' title='Tutelas 2001' class='pt-cv-tax-tutelas-2001'>Tutelas 2001<\/a><\/div>\n<h4 class=\"pt-cv-title\"><a href=\"https:\/\/www.dmsjuridica.com\/buscador_20179478954\/corteconstitucionalcronologico202454587\/t-939-01\/\" class=\"_self\" target=\"_self\" >T-939-01<\/a><\/h4>\n<div class=\"pt-cv-content\">\u00a0 \u00a0 Sentencia T-939\/01 \u00a0 REGIMEN CONTRIBUTIVO DE SEGURIDAD SOCIAL EN SALUD-Nietos no est\u00e1n incluidos dentro de la cobertura familiar\/SISBEN-Aplicaci\u00f3n de la encuesta para establecer si menor debe ser incluido en el r\u00e9gimen subsidiado \u00a0 La idea de integraci\u00f3n y universalidad de la seguridad social hace extensiva la atenci\u00f3n en salud en el r\u00e9gimen contributivo, no solamente al afiliado sino tambi\u00e9n a ciertas personas que integran el n\u00facleo familiar. \u00a0As\u00ed, seg\u00fan el art\u00edculo 163 de la ley 100 de 1993, en concordancia con el Decreto 806 de 1998, el grupo familiar del afiliado est\u00e1 constituido, entre otros, por los hijos ...<br \/><div class=\"pt-cv-rmwrap\"><a href=\"https:\/\/www.dmsjuridica.com\/buscador_20179478954\/corteconstitucionalcronologico202454587\/t-939-01\/\" class=\"_self pt-cv-readmore btn btn-success\" target=\"_self\">Ver Sentencia Completa...<\/a><\/div><\/div><\/div><\/div>\n<div class=\"col-md-12 col-sm-12 col-xs-12 pt-cv-content-item pt-cv-1-col\" ><div class='pt-cv-ifield'><a href=\"https:\/\/www.dmsjuridica.com\/buscador_20179478954\/corteconstitucionalcronologico202454587\/t-938-01\/\" class=\"_self pt-cv-href-thumbnail pt-cv-thumb-default\" target=\"_self\" ><\/a>\n<div class=\"pt-cv-taxoterm above_title\"><a href='https:\/\/www.dmsjuridica.com\/buscador_20179478954\/corteconstitucionalcronologico202454587\/category\/buscar-en-toda-la-corte\/2001\/tutelas-2001\/' title='Tutelas 2001' class='pt-cv-tax-tutelas-2001'>Tutelas 2001<\/a><\/div>\n<h4 class=\"pt-cv-title\"><a href=\"https:\/\/www.dmsjuridica.com\/buscador_20179478954\/corteconstitucionalcronologico202454587\/t-938-01\/\" class=\"_self\" target=\"_self\" >T-938-01<\/a><\/h4>\n<div class=\"pt-cv-content\">\u00a0 \u00a0 Sentencia T-938\/01 \u00a0 REGISTRO MARCARIO-Existencia de acci\u00f3n contencioso administrativa para controvertirlo\/ACCION DE TUTELA-Improcedencia por existir otro medio de defensa \u00a0 Considera la Sala que el acto administrativo demandado el mismo que constituye el origen de la petici\u00f3n de tutela, deber\u00e1 ser analizado por el Consejo de Estado en cuanto a su naturaleza, legalidad y consecuencias jur\u00eddicas, \u00a0pues se trata del \u00f3rgano jurisdiccional aut\u00f3nomo habilitado por el constituyente para decidir acerca de esta clase de litigios. La acci\u00f3n de nulidad que ha ejercido la F\u00e1brica de Licores del Tolima representa el mecanismo judicial id\u00f3neo para la protecci\u00f3n de los ...<br \/><div class=\"pt-cv-rmwrap\"><a href=\"https:\/\/www.dmsjuridica.com\/buscador_20179478954\/corteconstitucionalcronologico202454587\/t-938-01\/\" class=\"_self pt-cv-readmore btn btn-success\" target=\"_self\">Ver Sentencia Completa...<\/a><\/div><\/div><\/div><\/div>\n<div class=\"col-md-12 col-sm-12 col-xs-12 pt-cv-content-item pt-cv-1-col\" ><div class='pt-cv-ifield'><a href=\"https:\/\/www.dmsjuridica.com\/buscador_20179478954\/corteconstitucionalcronologico202454587\/t-937-01\/\" class=\"_self pt-cv-href-thumbnail pt-cv-thumb-default\" target=\"_self\" ><\/a>\n<div class=\"pt-cv-taxoterm above_title\"><a href='https:\/\/www.dmsjuridica.com\/buscador_20179478954\/corteconstitucionalcronologico202454587\/category\/buscar-en-toda-la-corte\/2001\/tutelas-2001\/' title='Tutelas 2001' class='pt-cv-tax-tutelas-2001'>Tutelas 2001<\/a><\/div>\n<h4 class=\"pt-cv-title\"><a href=\"https:\/\/www.dmsjuridica.com\/buscador_20179478954\/corteconstitucionalcronologico202454587\/t-937-01\/\" class=\"_self\" target=\"_self\" >T-937-01<\/a><\/h4>\n<div class=\"pt-cv-content\">\u00a0 \u00a0 Sentencia T-937\/01 \u00a0 VIA DE HECHO EN PROCESO PENAL POR DEFECTO PROCEDIMENTAL-Falta de notificaci\u00f3n al sindicado de la iniciaci\u00f3n de investigaci\u00f3n \u00a0 A pesar de la falta de notificaci\u00f3n de esta resoluci\u00f3n, ni el actor ni su apoderado alegaron esta causal de nulidad durante la diligencia de indagatoria ni en fecha anterior a la calificaci\u00f3n del m\u00e9rito del sumario. La nulidad prevista en el art\u00edculo 304 del C\u00f3digo de Procedimiento Penal fue invocada por el actor s\u00f3lo hasta el 27 de marzo de 2000 y tal recurso fue resuelto negativamente el d\u00eda 3 de mayo de 2000 por ...<br \/><div class=\"pt-cv-rmwrap\"><a href=\"https:\/\/www.dmsjuridica.com\/buscador_20179478954\/corteconstitucionalcronologico202454587\/t-937-01\/\" class=\"_self pt-cv-readmore btn btn-success\" target=\"_self\">Ver Sentencia Completa...<\/a><\/div><\/div><\/div><\/div>\n<div class=\"col-md-12 col-sm-12 col-xs-12 pt-cv-content-item pt-cv-1-col\" ><div class='pt-cv-ifield'><a href=\"https:\/\/www.dmsjuridica.com\/buscador_20179478954\/corteconstitucionalcronologico202454587\/t-936-01\/\" class=\"_self pt-cv-href-thumbnail pt-cv-thumb-default\" target=\"_self\" ><\/a>\n<div class=\"pt-cv-taxoterm above_title\"><a href='https:\/\/www.dmsjuridica.com\/buscador_20179478954\/corteconstitucionalcronologico202454587\/category\/buscar-en-toda-la-corte\/2001\/tutelas-2001\/' title='Tutelas 2001' class='pt-cv-tax-tutelas-2001'>Tutelas 2001<\/a><\/div>\n<h4 class=\"pt-cv-title\"><a href=\"https:\/\/www.dmsjuridica.com\/buscador_20179478954\/corteconstitucionalcronologico202454587\/t-936-01\/\" class=\"_self\" target=\"_self\" >T-936-01<\/a><\/h4>\n<div class=\"pt-cv-content\">\u00a0 \u00a0 Sentencia T-936\/01 \u00a0 PROCESO DISCIPLINARIO-Suspensi\u00f3n provisional \u00a0 PROCURADOR GENERAL DE LA NACION-Competencia para vigilar conducta de quienes desempe\u00f1an funciones p\u00fablicas\/SERVIDOR PUBLICO-Delegaci\u00f3n de competencias\/DELEGACION-Efectos \u00a0 El Procurador General de la Naci\u00f3n tiene a su cargo la direcci\u00f3n del Ministerio P\u00fablico y cumple sus funciones a trav\u00e9s de sus delegados y agentes. Respecto a la funci\u00f3n de vigilar la conducta de quienes desempe\u00f1an funciones p\u00fablicas, la Carta le encomienda \u201cejercer preferentemente el poder disciplinario; adelantar las investigaciones correspondientes, e imponer las respectivas sanciones conforme a la Ley\u201d. Puede cumplir esta funci\u00f3n directamente, o delegarla, sin perjuicio de su derecho a ...<br \/><div class=\"pt-cv-rmwrap\"><a href=\"https:\/\/www.dmsjuridica.com\/buscador_20179478954\/corteconstitucionalcronologico202454587\/t-936-01\/\" class=\"_self pt-cv-readmore btn btn-success\" target=\"_self\">Ver Sentencia Completa...<\/a><\/div><\/div><\/div><\/div>\n<div class=\"col-md-12 col-sm-12 col-xs-12 pt-cv-content-item pt-cv-1-col\" ><div class='pt-cv-ifield'><a href=\"https:\/\/www.dmsjuridica.com\/buscador_20179478954\/corteconstitucionalcronologico202454587\/t-935-01\/\" class=\"_self pt-cv-href-thumbnail pt-cv-thumb-default\" target=\"_self\" ><\/a>\n<div class=\"pt-cv-taxoterm above_title\"><a href='https:\/\/www.dmsjuridica.com\/buscador_20179478954\/corteconstitucionalcronologico202454587\/category\/buscar-en-toda-la-corte\/2001\/tutelas-2001\/' title='Tutelas 2001' class='pt-cv-tax-tutelas-2001'>Tutelas 2001<\/a><\/div>\n<h4 class=\"pt-cv-title\"><a href=\"https:\/\/www.dmsjuridica.com\/buscador_20179478954\/corteconstitucionalcronologico202454587\/t-935-01\/\" class=\"_self\" target=\"_self\" >T-935-01<\/a><\/h4>\n<div class=\"pt-cv-content\">\u00a0 \u00a0 Sentencia T-935\/01 \u00a0 DERECHO A LA SALUD-Cirug\u00eda de mamoplastia reductora \u00a0 La cirug\u00eda solicitada a Coomeva E.P.S., no puede ser considerada como una \u201ccirug\u00eda est\u00e9tica\u201d, y por lo tanto excluida del P.O.S., ya que de los diagn\u00f3sticos que emitieron los m\u00e9dicos y que obran dentro del expediente se deduce que la cirug\u00eda la requiere la demandante para mejorar las dolencias que la afectan. Considera la Sala que la cirug\u00eda que requiere la accionante, tiene como finalidad esencial, garantizar el derecho a la salud, a la dignidad, seguridad social y a la integridad f\u00edsica y que su caso es ...<br \/><div class=\"pt-cv-rmwrap\"><a href=\"https:\/\/www.dmsjuridica.com\/buscador_20179478954\/corteconstitucionalcronologico202454587\/t-935-01\/\" class=\"_self pt-cv-readmore btn btn-success\" target=\"_self\">Ver Sentencia Completa...<\/a><\/div><\/div><\/div><\/div>\n<div class=\"col-md-12 col-sm-12 col-xs-12 pt-cv-content-item pt-cv-1-col\" ><div class='pt-cv-ifield'><a href=\"https:\/\/www.dmsjuridica.com\/buscador_20179478954\/corteconstitucionalcronologico202454587\/t-934-01\/\" class=\"_self pt-cv-href-thumbnail pt-cv-thumb-default\" target=\"_self\" ><\/a>\n<div class=\"pt-cv-taxoterm above_title\"><a href='https:\/\/www.dmsjuridica.com\/buscador_20179478954\/corteconstitucionalcronologico202454587\/category\/buscar-en-toda-la-corte\/2001\/tutelas-2001\/' title='Tutelas 2001' class='pt-cv-tax-tutelas-2001'>Tutelas 2001<\/a><\/div>\n<h4 class=\"pt-cv-title\"><a href=\"https:\/\/www.dmsjuridica.com\/buscador_20179478954\/corteconstitucionalcronologico202454587\/t-934-01\/\" class=\"_self\" target=\"_self\" >T-934-01<\/a><\/h4>\n<div class=\"pt-cv-content\">\u00a0 \u00a0 Sentencia T-934\/01 \u00a0 DERECHO A LA SALUD-Tratamiento de di\u00e1lisis asumido por Secretar\u00eda Departamental de salud \u00a0 DERECHO A LA SALUD-Enfermedad catastr\u00f3fica de afiliada al SISBEN \u00a0 Se acredit\u00f3 que la accionante se encuentra afiliada al Sisben (Sistema de Selecci\u00f3n de Beneficiarios de Programas Sociales), en el Nivel 02. En raz\u00f3n de la enfermedad que se le diagn\u00f3stic\u00f3, el m\u00e9dico tratante requiri\u00f3 a la Secretar\u00eda de Salud de Roldanillo para que la afiliara a una entidad Administradora del R\u00e9gimen Subsidiado (ARS). Esta no accedi\u00f3 a la petici\u00f3n en raz\u00f3n de que el grado de complejidad de la enfermedad padecida ...<br \/><div class=\"pt-cv-rmwrap\"><a href=\"https:\/\/www.dmsjuridica.com\/buscador_20179478954\/corteconstitucionalcronologico202454587\/t-934-01\/\" class=\"_self pt-cv-readmore btn btn-success\" target=\"_self\">Ver Sentencia Completa...<\/a><\/div><\/div><\/div><\/div>\n<div class=\"col-md-12 col-sm-12 col-xs-12 pt-cv-content-item pt-cv-1-col\" ><div class='pt-cv-ifield'><a href=\"https:\/\/www.dmsjuridica.com\/buscador_20179478954\/corteconstitucionalcronologico202454587\/t-933-01\/\" class=\"_self pt-cv-href-thumbnail pt-cv-thumb-default\" target=\"_self\" ><\/a>\n<div class=\"pt-cv-taxoterm above_title\"><a href='https:\/\/www.dmsjuridica.com\/buscador_20179478954\/corteconstitucionalcronologico202454587\/category\/buscar-en-toda-la-corte\/2001\/tutelas-2001\/' title='Tutelas 2001' class='pt-cv-tax-tutelas-2001'>Tutelas 2001<\/a><\/div>\n<h4 class=\"pt-cv-title\"><a href=\"https:\/\/www.dmsjuridica.com\/buscador_20179478954\/corteconstitucionalcronologico202454587\/t-933-01\/\" class=\"_self\" target=\"_self\" >T-933-01<\/a><\/h4>\n<div class=\"pt-cv-content\">\u00a0 \u00a0 Sentencia T-933\/01 \u00a0 ACCION DE TUTELA CONTRA SENTENCIAS-Eventos para su procedencia\/VIA DE HECHO-Determinaci\u00f3n \u00a0 ACCION DE TUTELA CONTRA SENTENCIAS POR INTERPRETACION DE NORMAS-Improcedencia \u00a0 ACCION DE TUTELA-T\u00e9rmino de presentaci\u00f3n \u00a0 Cuando se trata de situaciones en que el legislador ha se\u00f1alado prescripciones de corto tiempo es inaceptable e il\u00f3gico que se presenten acciones de tutela contra decisiones judiciales mucho tiempo despu\u00e9s del vencimiento del lapso prescriptivo legal, y a\u00fan contando desde el momento en que el respectivo fallo fue proferido. \u00a0 ACCION DE REINTEGRO DE TRABAJADOR CON FUERO SINDICAL-T\u00e9rmino de prescripci\u00f3n \u00a0 En los casos de fuero sindical ...<br \/><div class=\"pt-cv-rmwrap\"><a href=\"https:\/\/www.dmsjuridica.com\/buscador_20179478954\/corteconstitucionalcronologico202454587\/t-933-01\/\" class=\"_self pt-cv-readmore btn btn-success\" target=\"_self\">Ver Sentencia Completa...<\/a><\/div><\/div><\/div><\/div>\n<div class=\"col-md-12 col-sm-12 col-xs-12 pt-cv-content-item pt-cv-1-col\" ><div class='pt-cv-ifield'><a href=\"https:\/\/www.dmsjuridica.com\/buscador_20179478954\/corteconstitucionalcronologico202454587\/t-932-01\/\" class=\"_self pt-cv-href-thumbnail pt-cv-thumb-default\" target=\"_self\" ><\/a>\n<div class=\"pt-cv-taxoterm above_title\"><a href='https:\/\/www.dmsjuridica.com\/buscador_20179478954\/corteconstitucionalcronologico202454587\/category\/buscar-en-toda-la-corte\/2001\/tutelas-2001\/' title='Tutelas 2001' class='pt-cv-tax-tutelas-2001'>Tutelas 2001<\/a><\/div>\n<h4 class=\"pt-cv-title\"><a href=\"https:\/\/www.dmsjuridica.com\/buscador_20179478954\/corteconstitucionalcronologico202454587\/t-932-01\/\" class=\"_self\" target=\"_self\" >T-932-01<\/a><\/h4>\n<div class=\"pt-cv-content\">\u00a0 \u00a0 Sentencia T-932\/01 \u00a0 CABILDO DE INDIGENA-Reglas para elecci\u00f3n de gobernador \u00a0 Si la tradici\u00f3n y la costumbre en la comunidad ind\u00edgena ha sido la de que el Cabildo \u201cde turno\u201d que la gobierna, es el que impone las condiciones y reglas a seguir para el debate electoral mediante el cual la comunidad elegir\u00e1 a los integrantes del cabildo que lo suceder\u00e1, sin que la comunidad en general, o por lo menos su mayor\u00eda, se haya opuesto a esas condiciones y reglas, en ninguna arbitrariedad o abuso de poder incurri\u00f3 el Cabildo accionado cuando decidi\u00f3 excluir del debate electoral ...<br \/><div class=\"pt-cv-rmwrap\"><a href=\"https:\/\/www.dmsjuridica.com\/buscador_20179478954\/corteconstitucionalcronologico202454587\/t-932-01\/\" class=\"_self pt-cv-readmore btn btn-success\" target=\"_self\">Ver Sentencia Completa...<\/a><\/div><\/div><\/div><\/div>\n<div class=\"col-md-12 col-sm-12 col-xs-12 pt-cv-content-item pt-cv-1-col\" ><div class='pt-cv-ifield'><a href=\"https:\/\/www.dmsjuridica.com\/buscador_20179478954\/corteconstitucionalcronologico202454587\/t-931-01\/\" class=\"_self pt-cv-href-thumbnail pt-cv-thumb-default\" target=\"_self\" ><\/a>\n<div class=\"pt-cv-taxoterm above_title\"><a href='https:\/\/www.dmsjuridica.com\/buscador_20179478954\/corteconstitucionalcronologico202454587\/category\/buscar-en-toda-la-corte\/2001\/tutelas-2001\/' title='Tutelas 2001' class='pt-cv-tax-tutelas-2001'>Tutelas 2001<\/a><\/div>\n<h4 class=\"pt-cv-title\"><a href=\"https:\/\/www.dmsjuridica.com\/buscador_20179478954\/corteconstitucionalcronologico202454587\/t-931-01\/\" class=\"_self\" target=\"_self\" >T-931-01<\/a><\/h4>\n<div class=\"pt-cv-content\">\u00a0 \u00a0 Sentencia T-931\/01 \u00a0 ACCION DE TUTELA-Improcedencia general sobre controversias laborales \u00a0 PERJUICIO IRREMEDIABLE-Elementos \u00a0 ACCION DE TUTELA-Improcedencia por no afectaci\u00f3n del m\u00ednimo vital \u00a0 ACCION DE TUTELA-Improcedencia contra derechos inciertos y discutibles \u00a0 Reiteraci\u00f3n de Jurisprudencia \u00a0 Referencia: expediente T-470732 \u00a0 Acci\u00f3n de tutela instaurada por Mar\u00eda In\u00e9s Angulo contra la Alcald\u00eda Municipal de Buenaventura. \u00a0 Magistrado Ponente: \u00a0 Dr. ALVARO TAFUR GALVIS \u00a0 Bogot\u00e1, D.C., a los treinta (30) d\u00edas del mes de agosto de dos mil uno (2001). \u00a0 La Sala Octava de Revisi\u00f3n de la Corte Constitucional, integrada por los magistrados CLARA IN\u00c9S VARGAS HERN\u00c1NDEZ, ...<br \/><div class=\"pt-cv-rmwrap\"><a href=\"https:\/\/www.dmsjuridica.com\/buscador_20179478954\/corteconstitucionalcronologico202454587\/t-931-01\/\" class=\"_self pt-cv-readmore btn btn-success\" target=\"_self\">Ver Sentencia Completa...<\/a><\/div><\/div><\/div><\/div>\n<div class=\"col-md-12 col-sm-12 col-xs-12 pt-cv-content-item pt-cv-1-col\" ><div class='pt-cv-ifield'><a href=\"https:\/\/www.dmsjuridica.com\/buscador_20179478954\/corteconstitucionalcronologico202454587\/t-930-01\/\" class=\"_self pt-cv-href-thumbnail pt-cv-thumb-default\" target=\"_self\" ><\/a>\n<div class=\"pt-cv-taxoterm above_title\"><a href='https:\/\/www.dmsjuridica.com\/buscador_20179478954\/corteconstitucionalcronologico202454587\/category\/buscar-en-toda-la-corte\/2001\/tutelas-2001\/' title='Tutelas 2001' class='pt-cv-tax-tutelas-2001'>Tutelas 2001<\/a><\/div>\n<h4 class=\"pt-cv-title\"><a href=\"https:\/\/www.dmsjuridica.com\/buscador_20179478954\/corteconstitucionalcronologico202454587\/t-930-01\/\" class=\"_self\" target=\"_self\" >T-930-01<\/a><\/h4>\n<div class=\"pt-cv-content\">\u00a0 \u00a0 Sentencia T-930\/01 \u00a0 ACCION DE TUTELA-Procedencia excepcional pago de acreencias laborales \u00a0 DERECHO AL MINIMO VITAL DEL PENSIONADO-Presunci\u00f3n de afectaci\u00f3n por ausencia prolongada en pago de mesadas \u00a0 EMPLEADOR-Situaci\u00f3n econ\u00f3mica o presupuestal no es \u00f3bice para desconocer pago de mesadas pensionales \u00a0 Reiteraci\u00f3n de Jurisprudencia \u00a0 Referencia: expediente T-467735 \u00a0 Acci\u00f3n de Tutela incoada por Luis Eduardo Medina Monroy contra Acer\u00edas Paz del R\u00edo S.A. \u00a0 Magistrado Ponente: \u00a0 Dr. ALVARO TAFUR GALVIS. \u00a0 Bogot\u00e1 D. C., a los treinta.(30) d\u00edas del mes de agosto del a\u00f1o dos mil uno, (2.001). \u00a0 La Sala Octava de Revisi\u00f3n de ...<br \/><div class=\"pt-cv-rmwrap\"><a href=\"https:\/\/www.dmsjuridica.com\/buscador_20179478954\/corteconstitucionalcronologico202454587\/t-930-01\/\" class=\"_self pt-cv-readmore btn btn-success\" target=\"_self\">Ver Sentencia Completa...<\/a><\/div><\/div><\/div><\/div>\n<div class=\"col-md-12 col-sm-12 col-xs-12 pt-cv-content-item pt-cv-1-col\" ><div class='pt-cv-ifield'><a href=\"https:\/\/www.dmsjuridica.com\/buscador_20179478954\/corteconstitucionalcronologico202454587\/t-929-01\/\" class=\"_self pt-cv-href-thumbnail pt-cv-thumb-default\" target=\"_self\" ><\/a>\n<div class=\"pt-cv-taxoterm above_title\"><a href='https:\/\/www.dmsjuridica.com\/buscador_20179478954\/corteconstitucionalcronologico202454587\/category\/buscar-en-toda-la-corte\/2001\/tutelas-2001\/' title='Tutelas 2001' class='pt-cv-tax-tutelas-2001'>Tutelas 2001<\/a><\/div>\n<h4 class=\"pt-cv-title\"><a href=\"https:\/\/www.dmsjuridica.com\/buscador_20179478954\/corteconstitucionalcronologico202454587\/t-929-01\/\" class=\"_self\" target=\"_self\" >T-929-01<\/a><\/h4>\n<div class=\"pt-cv-content\">\u00a0 \u00a0 Sentencia T-929\/01 \u00a0 DERECHO A LA SALUD-Suministro de tratamiento de alto costo sin cumplir periodo m\u00ednimo de cotizaci\u00f3n en persona de escasos recursos \u00a0 Es evidente el car\u00e1cter urgente con que el esposo de la peticionaria requiere el tratamiento prescrito por los m\u00e9dicos tratantes, seg\u00fan se deduce del diagn\u00f3stico m\u00e9dico, motivo por el \u00a0cual \u00a0Cafesalud no pod\u00eda supeditar su pr\u00e1ctica al pago de cien semanas de cotizaci\u00f3n. Mucho menos, ante la certeza de la entidad de que el paciente no tiene posibilidades econ\u00f3micas para sufragar los gastos que demanda llevar a cabo la prescripci\u00f3n m\u00e9dica; \u00a0por ello \u00a0hall\u00e1ndose ...<br \/><div class=\"pt-cv-rmwrap\"><a href=\"https:\/\/www.dmsjuridica.com\/buscador_20179478954\/corteconstitucionalcronologico202454587\/t-929-01\/\" class=\"_self pt-cv-readmore btn btn-success\" target=\"_self\">Ver Sentencia Completa...<\/a><\/div><\/div><\/div><\/div>\n<div class=\"col-md-12 col-sm-12 col-xs-12 pt-cv-content-item pt-cv-1-col\" ><div class='pt-cv-ifield'><a href=\"https:\/\/www.dmsjuridica.com\/buscador_20179478954\/corteconstitucionalcronologico202454587\/t-928-01\/\" class=\"_self pt-cv-href-thumbnail pt-cv-thumb-default\" target=\"_self\" ><\/a>\n<div class=\"pt-cv-taxoterm above_title\"><a href='https:\/\/www.dmsjuridica.com\/buscador_20179478954\/corteconstitucionalcronologico202454587\/category\/buscar-en-toda-la-corte\/2001\/tutelas-2001\/' title='Tutelas 2001' class='pt-cv-tax-tutelas-2001'>Tutelas 2001<\/a><\/div>\n<h4 class=\"pt-cv-title\"><a href=\"https:\/\/www.dmsjuridica.com\/buscador_20179478954\/corteconstitucionalcronologico202454587\/t-928-01\/\" class=\"_self\" target=\"_self\" >T-928-01<\/a><\/h4>\n<div class=\"pt-cv-content\">\u00a0 \u00a0 Sentencia T-928\/01 \u00a0 ACCION DE TUTELA-Procedencia excepcional pago de acreencias laborales \u00a0 DERECHO AL MINIMO VITAL DEL TRABAJADOR-Presunci\u00f3n de afectaci\u00f3n por ausencia prolongada en pago de salarios \u00a0 ACCION DE TUTELA-Procedencia excepcional pago de salarios a persona desvinculada por afectaci\u00f3n del m\u00ednimo vital \u00a0 DERECHO AL MINIMO VITAL DE EXTRABAJADOR-Pago de acreencias laborales\u00a0 \u00a0 \u00a0 Reiteraci\u00f3n de Jurisprudencia \u00a0 Referencia: expediente T-457309 \u00a0 Acci\u00f3n de tutela instaurada por Robert Bussy Lobo Guerrero contra el Distrito Tur\u00edstico, Cultural e Hist\u00f3rico de Santa Marta. \u00a0 Magistrado Ponente: \u00a0 Dr. ALVARO TAFUR GALVIS \u00a0 Bogot\u00e1, D.C., a los treinta (30) d\u00edas ...<br \/><div class=\"pt-cv-rmwrap\"><a href=\"https:\/\/www.dmsjuridica.com\/buscador_20179478954\/corteconstitucionalcronologico202454587\/t-928-01\/\" class=\"_self pt-cv-readmore btn btn-success\" target=\"_self\">Ver Sentencia Completa...<\/a><\/div><\/div><\/div><\/div>\n<div class=\"col-md-12 col-sm-12 col-xs-12 pt-cv-content-item pt-cv-1-col\" ><div class='pt-cv-ifield'><a href=\"https:\/\/www.dmsjuridica.com\/buscador_20179478954\/corteconstitucionalcronologico202454587\/t-927-01\/\" class=\"_self pt-cv-href-thumbnail pt-cv-thumb-default\" target=\"_self\" ><\/a>\n<div class=\"pt-cv-taxoterm above_title\"><a href='https:\/\/www.dmsjuridica.com\/buscador_20179478954\/corteconstitucionalcronologico202454587\/category\/buscar-en-toda-la-corte\/2001\/tutelas-2001\/' title='Tutelas 2001' class='pt-cv-tax-tutelas-2001'>Tutelas 2001<\/a><\/div>\n<h4 class=\"pt-cv-title\"><a href=\"https:\/\/www.dmsjuridica.com\/buscador_20179478954\/corteconstitucionalcronologico202454587\/t-927-01\/\" class=\"_self\" target=\"_self\" >T-927-01<\/a><\/h4>\n<div class=\"pt-cv-content\">\u00a0 \u00a0 Sentencia T-927\/01 \u00a0 ACCION DE TUTELA-Hecho superado por recibir atenci\u00f3n m\u00e9dica \u00a0 Reiteraci\u00f3n de Jurisprudencia \u00a0 Referencia: expediente T-445764 \u00a0 Acci\u00f3n de tutela instaurada por Maraya Bonilla Carmona contra la Secretar\u00eda de Salud de Bogot\u00e1. \u00a0 Magistrado Ponente: \u00a0 Dr. ALVARO TAFUR GALVIS \u00a0 Bogot\u00e1, D.C., a los treinta (30) d\u00edas del mes de agosto de dos mil uno (2001). \u00a0 La Sala Octava de revisi\u00f3n de la Corte Constitucional, en ejercicio de sus competencias constitucionales y legales, en particular las contenidas en los art\u00edculos 86 y 241, numeral 9, de la Constituci\u00f3n y el Decreto 2591 de ...<br \/><div class=\"pt-cv-rmwrap\"><a href=\"https:\/\/www.dmsjuridica.com\/buscador_20179478954\/corteconstitucionalcronologico202454587\/t-927-01\/\" class=\"_self pt-cv-readmore btn btn-success\" target=\"_self\">Ver Sentencia Completa...<\/a><\/div><\/div><\/div><\/div>\n<div class=\"col-md-12 col-sm-12 col-xs-12 pt-cv-content-item pt-cv-1-col\" ><div class='pt-cv-ifield'><a href=\"https:\/\/www.dmsjuridica.com\/buscador_20179478954\/corteconstitucionalcronologico202454587\/t-926-01\/\" class=\"_self pt-cv-href-thumbnail pt-cv-thumb-default\" target=\"_self\" ><\/a>\n<div class=\"pt-cv-taxoterm above_title\"><a href='https:\/\/www.dmsjuridica.com\/buscador_20179478954\/corteconstitucionalcronologico202454587\/category\/buscar-en-toda-la-corte\/2001\/tutelas-2001\/' title='Tutelas 2001' class='pt-cv-tax-tutelas-2001'>Tutelas 2001<\/a><\/div>\n<h4 class=\"pt-cv-title\"><a href=\"https:\/\/www.dmsjuridica.com\/buscador_20179478954\/corteconstitucionalcronologico202454587\/t-926-01\/\" class=\"_self\" target=\"_self\" >T-926-01<\/a><\/h4>\n<div class=\"pt-cv-content\">\u00a0 \u00a0 Sentencia T-926\/01 \u00a0 VIA DE HECHO EN PROCESO PENAL-No existi\u00f3 violaci\u00f3n del debido proceso y la igualdad al determinar la condena\/SUSPENSION CONDICIONAL DE LA EJECUCION \u00a0DE LA PENA \u00a0 En raz\u00f3n de que la Sala Penal del Tribunal Superior de Bogot\u00e1, y la Sala de Casaci\u00f3n Penal de la Corte Suprema de Justicia no quebrantaron los derechos fundamentales del actor al debido proceso e igualdad, porque al condenarlo tuvieron en cuenta las previsiones del art\u00edculo 219 del Decreto ley 100 de 1980 y para negarle la suspensi\u00f3n condicional de la ejecuci\u00f3n de la pena se ajustaron a los ...<br \/><div class=\"pt-cv-rmwrap\"><a href=\"https:\/\/www.dmsjuridica.com\/buscador_20179478954\/corteconstitucionalcronologico202454587\/t-926-01\/\" class=\"_self pt-cv-readmore btn btn-success\" target=\"_self\">Ver Sentencia Completa...<\/a><\/div><\/div><\/div><\/div>\n<div class=\"col-md-12 col-sm-12 col-xs-12 pt-cv-content-item pt-cv-1-col\" ><div class='pt-cv-ifield'><a href=\"https:\/\/www.dmsjuridica.com\/buscador_20179478954\/corteconstitucionalcronologico202454587\/t-925-01\/\" class=\"_self pt-cv-href-thumbnail pt-cv-thumb-default\" target=\"_self\" ><\/a>\n<div class=\"pt-cv-taxoterm above_title\"><a href='https:\/\/www.dmsjuridica.com\/buscador_20179478954\/corteconstitucionalcronologico202454587\/category\/buscar-en-toda-la-corte\/2001\/tutelas-2001\/' title='Tutelas 2001' class='pt-cv-tax-tutelas-2001'>Tutelas 2001<\/a><\/div>\n<h4 class=\"pt-cv-title\"><a href=\"https:\/\/www.dmsjuridica.com\/buscador_20179478954\/corteconstitucionalcronologico202454587\/t-925-01\/\" class=\"_self\" target=\"_self\" >T-925-01<\/a><\/h4>\n<div class=\"pt-cv-content\">\u00a0 \u00a0 Sentencia T-925\/01 \u00a0 DERECHO A LA SALUD-Cirug\u00eda de hernia y reducci\u00f3n de peso \u00a0 En cuanto est\u00e1 demostrado que el padecimiento de la demandante afecta su salud en conexidad al derecho a la vida, y que tanto el diagn\u00f3stico cl\u00ednico como el experticio m\u00e9dico coinciden en la necesidad de que \u00e9sta se someta a un plan de alimentaci\u00f3n para reducir de peso, la Corte, buscando la protecci\u00f3n del derecho afectado, le ordenar\u00e1 al I.S.S -Seccional Medell\u00edn- que disponga todo lo necesario para que se le prescriba a la demandante un r\u00e9gimen diet\u00e9tico adecuado, con el fin de que, ...<br \/><div class=\"pt-cv-rmwrap\"><a href=\"https:\/\/www.dmsjuridica.com\/buscador_20179478954\/corteconstitucionalcronologico202454587\/t-925-01\/\" class=\"_self pt-cv-readmore btn btn-success\" target=\"_self\">Ver Sentencia Completa...<\/a><\/div><\/div><\/div><\/div>\n<div class=\"col-md-12 col-sm-12 col-xs-12 pt-cv-content-item pt-cv-1-col\" ><div class='pt-cv-ifield'><a href=\"https:\/\/www.dmsjuridica.com\/buscador_20179478954\/corteconstitucionalcronologico202454587\/t-912-01\/\" class=\"_self pt-cv-href-thumbnail pt-cv-thumb-default\" target=\"_self\" ><\/a>\n<div class=\"pt-cv-taxoterm above_title\"><a href='https:\/\/www.dmsjuridica.com\/buscador_20179478954\/corteconstitucionalcronologico202454587\/category\/buscar-en-toda-la-corte\/2001\/tutelas-2001\/' title='Tutelas 2001' class='pt-cv-tax-tutelas-2001'>Tutelas 2001<\/a><\/div>\n<h4 class=\"pt-cv-title\"><a href=\"https:\/\/www.dmsjuridica.com\/buscador_20179478954\/corteconstitucionalcronologico202454587\/t-912-01\/\" class=\"_self\" target=\"_self\" >T-912-01<\/a><\/h4>\n<div class=\"pt-cv-content\">\u00a0 \u00a0 Sentencia T-912\/01 \u00a0 BONOS PENSIONALES-Procedencia de tutela para reclamar la remisi\u00f3n \u00a0 BONOS PENSIONALES-Pronta tramitaci\u00f3n \u00a0 BONOS PENSIONALES-Procedencia de tutela para reclamar la remisi\u00f3n \u00a0 Reiteraci\u00f3n de Jurisprudencia \u00a0 Referencia: expediente T-463734 \u00a0 Acci\u00f3n de tutela instaurada por Adan Cortes \u00a0contra el Instituto de Seguros Sociales. \u00a0 Magistrado ponente: \u00a0 Dr. RODRIGO ESCOBAR GIL \u00a0 Bogot\u00e1, D.C., a los veintinueve (29) d\u00edas del mes de agosto de dos mil uno (2001). \u00a0 La Sala Quinta de Revisi\u00f3n de la Corte Constitucional, integrada por los Magistrados MARCO GERARDO MONROY CABRA, EDUARDO MONTEALEGRE LYNETT \u00a0y RODRIGO ESCOBAR GIL, en ejercicio ...<br \/><div class=\"pt-cv-rmwrap\"><a href=\"https:\/\/www.dmsjuridica.com\/buscador_20179478954\/corteconstitucionalcronologico202454587\/t-912-01\/\" class=\"_self pt-cv-readmore btn btn-success\" target=\"_self\">Ver Sentencia Completa...<\/a><\/div><\/div><\/div><\/div>\n<div class=\"col-md-12 col-sm-12 col-xs-12 pt-cv-content-item pt-cv-1-col\" ><div class='pt-cv-ifield'><a href=\"https:\/\/www.dmsjuridica.com\/buscador_20179478954\/corteconstitucionalcronologico202454587\/t-911-01\/\" class=\"_self pt-cv-href-thumbnail pt-cv-thumb-default\" target=\"_self\" ><\/a>\n<div class=\"pt-cv-taxoterm above_title\"><a href='https:\/\/www.dmsjuridica.com\/buscador_20179478954\/corteconstitucionalcronologico202454587\/category\/buscar-en-toda-la-corte\/2001\/tutelas-2001\/' title='Tutelas 2001' class='pt-cv-tax-tutelas-2001'>Tutelas 2001<\/a><\/div>\n<h4 class=\"pt-cv-title\"><a href=\"https:\/\/www.dmsjuridica.com\/buscador_20179478954\/corteconstitucionalcronologico202454587\/t-911-01\/\" class=\"_self\" target=\"_self\" >T-911-01<\/a><\/h4>\n<div class=\"pt-cv-content\">\u00a0 \u00a0 Sentencia T-911\/01 \u00a0 DERECHO DE PETICION EN VIA GUBERNATIVA-Resoluci\u00f3n de recursos\/DERECHO DE PETICION EN VIA GUBERNATIVA-Protecci\u00f3n ante silencio administrativo \u00a0 DERECHO DE PETICION FRENTE AL SILENCIO ADMINISTRATIVO NEGATIVO-Resoluci\u00f3n oportuna de recursos \u00a0 Reiteraci\u00f3n de Jurisprudencia \u00a0 Referencia: expediente T-481749 \u00a0 Acci\u00f3n de tutela instaurada por Teresa Franco Zuluaga contra CAJANAL \u00a0 Magistrado Ponente: \u00a0 Dr. RODRIGO ESCOBAR GIL \u00a0 Bogot\u00e1, D.C., a los veintinueve (29) d\u00edas del mes de agosto de dos mil uno (2001). \u00a0 La Sala Quinta de Revisi\u00f3n de la Corte Constitucional, en ejercicio de sus competencias constitucionales y legales, en particular las contenidas en ...<br \/><div class=\"pt-cv-rmwrap\"><a href=\"https:\/\/www.dmsjuridica.com\/buscador_20179478954\/corteconstitucionalcronologico202454587\/t-911-01\/\" class=\"_self pt-cv-readmore btn btn-success\" target=\"_self\">Ver Sentencia Completa...<\/a><\/div><\/div><\/div><\/div>\n<div class=\"col-md-12 col-sm-12 col-xs-12 pt-cv-content-item pt-cv-1-col\" ><div class='pt-cv-ifield'><a href=\"https:\/\/www.dmsjuridica.com\/buscador_20179478954\/corteconstitucionalcronologico202454587\/t-910-01\/\" class=\"_self pt-cv-href-thumbnail pt-cv-thumb-default\" target=\"_self\" ><\/a>\n<div class=\"pt-cv-taxoterm above_title\"><a href='https:\/\/www.dmsjuridica.com\/buscador_20179478954\/corteconstitucionalcronologico202454587\/category\/buscar-en-toda-la-corte\/2001\/tutelas-2001\/' title='Tutelas 2001' class='pt-cv-tax-tutelas-2001'>Tutelas 2001<\/a><\/div>\n<h4 class=\"pt-cv-title\"><a href=\"https:\/\/www.dmsjuridica.com\/buscador_20179478954\/corteconstitucionalcronologico202454587\/t-910-01\/\" class=\"_self\" target=\"_self\" >T-910-01<\/a><\/h4>\n<div class=\"pt-cv-content\">\u00a0 \u00a0 Sentencia T-910\/01 \u00a0 DERECHO DE PETICION FRENTE AL SILENCIO ADMINISTRATIVO NEGATIVO-Deber de resolver la solicitud \u00a0 DERECHO DE PETICION EN VIA GUBERNATIVA-Protecci\u00f3n ante silencio administrativo \u00a0 Reiteraci\u00f3n de Jurisprudencia \u00a0 Referencia: expediente T-479 073 \u00a0 Acci\u00f3n de tutela instaurada por Teresita Del Ni\u00f1o Jesus Restrepo Benitez contra la Caja Nacional de Previsi\u00f3n, Seccional Bogot\u00e1. \u00a0 Magistrado Ponente: \u00a0 Dr. JAIME ARAUJO RENTERIA \u00a0 Bogot\u00e1, D.C., a los veintisiete (27) d\u00edas del mes de agosto de dos mil uno (2001). \u00a0 La Sala Primera de Revisi\u00f3n de la Corte Constitucional, en ejercicio de sus competencias constitucionales y legales, espec\u00edficamente ...<br \/><div class=\"pt-cv-rmwrap\"><a href=\"https:\/\/www.dmsjuridica.com\/buscador_20179478954\/corteconstitucionalcronologico202454587\/t-910-01\/\" class=\"_self pt-cv-readmore btn btn-success\" target=\"_self\">Ver Sentencia Completa...<\/a><\/div><\/div><\/div><\/div>\n<div class=\"col-md-12 col-sm-12 col-xs-12 pt-cv-content-item pt-cv-1-col\" ><div class='pt-cv-ifield'><a href=\"https:\/\/www.dmsjuridica.com\/buscador_20179478954\/corteconstitucionalcronologico202454587\/t-909-01\/\" class=\"_self pt-cv-href-thumbnail pt-cv-thumb-default\" target=\"_self\" ><\/a>\n<div class=\"pt-cv-taxoterm above_title\"><a href='https:\/\/www.dmsjuridica.com\/buscador_20179478954\/corteconstitucionalcronologico202454587\/category\/buscar-en-toda-la-corte\/2001\/tutelas-2001\/' title='Tutelas 2001' class='pt-cv-tax-tutelas-2001'>Tutelas 2001<\/a><\/div>\n<h4 class=\"pt-cv-title\"><a href=\"https:\/\/www.dmsjuridica.com\/buscador_20179478954\/corteconstitucionalcronologico202454587\/t-909-01\/\" class=\"_self\" target=\"_self\" >T-909-01<\/a><\/h4>\n<div class=\"pt-cv-content\">\u00a0 \u00a0 Sentencia T-909\/01 \u00a0 ACCION DE TUTELA CONTRA REGISTRADURIA NACIONAL-Expedici\u00f3n de c\u00e9dula a persona discapacitada\/CEDULA DE CIUDADANIA-No se debe cobrar por expedici\u00f3n \u00a0 La omisi\u00f3n injustificada para la expedici\u00f3n del documento de identidad impide el desarrollo del derecho fundamental a la personalidad jur\u00eddica y de todos los derechos y obligaciones que de all\u00ed se derivan, siempre y cuando se requiera para su ejercicio la presentaci\u00f3n de dicho documento. Se tutelar\u00e1 el derecho a la personalidad jur\u00eddica, ordenando que dentro de las cuarenta y ocho (48) horas siguientes a la notificaci\u00f3n de este fallo, dadas las especiales condiciones los funcionarios ...<br \/><div class=\"pt-cv-rmwrap\"><a href=\"https:\/\/www.dmsjuridica.com\/buscador_20179478954\/corteconstitucionalcronologico202454587\/t-909-01\/\" class=\"_self pt-cv-readmore btn btn-success\" target=\"_self\">Ver Sentencia Completa...<\/a><\/div><\/div><\/div><\/div>\n<div class=\"col-md-12 col-sm-12 col-xs-12 pt-cv-content-item pt-cv-1-col\" ><div class='pt-cv-ifield'><a href=\"https:\/\/www.dmsjuridica.com\/buscador_20179478954\/corteconstitucionalcronologico202454587\/t-908-01\/\" class=\"_self pt-cv-href-thumbnail pt-cv-thumb-default\" target=\"_self\" ><\/a>\n<div class=\"pt-cv-taxoterm above_title\"><a href='https:\/\/www.dmsjuridica.com\/buscador_20179478954\/corteconstitucionalcronologico202454587\/category\/buscar-en-toda-la-corte\/2001\/tutelas-2001\/' title='Tutelas 2001' class='pt-cv-tax-tutelas-2001'>Tutelas 2001<\/a><\/div>\n<h4 class=\"pt-cv-title\"><a href=\"https:\/\/www.dmsjuridica.com\/buscador_20179478954\/corteconstitucionalcronologico202454587\/t-908-01\/\" class=\"_self\" target=\"_self\" >T-908-01<\/a><\/h4>\n<div class=\"pt-cv-content\">\u00a0 \u00a0 Sentencia T-908\/01 \u00a0 JURISPRUDENCIA DE TUTELA EN SENTENCIA DE UNIFICACION-Cambio por declaratoria de inexequibilidad de ley \u00a0 Es claro que las normas que modificaban los procedimientos relacionados con el Plan Obligatorio de Salud, fuera en el territorio nacional o en el extranjero eran de obligatorio cumplimiento. Sin embargo debe recordarse que el an\u00e1lisis realizado era sin perjuicio del examen de constitucionalidad de la ley 508 de 1999 ahora bien, la sentencia C-557 de 2000 declar\u00f3 inexequible la ley 508 de 1999 por vicios en la expedici\u00f3n en la misma, por lo cual no se encuentran vigentes las normas ...<br \/><div class=\"pt-cv-rmwrap\"><a href=\"https:\/\/www.dmsjuridica.com\/buscador_20179478954\/corteconstitucionalcronologico202454587\/t-908-01\/\" class=\"_self pt-cv-readmore btn btn-success\" target=\"_self\">Ver Sentencia Completa...<\/a><\/div><\/div><\/div><\/div>\n<div class=\"col-md-12 col-sm-12 col-xs-12 pt-cv-content-item pt-cv-1-col\" ><div class='pt-cv-ifield'><a href=\"https:\/\/www.dmsjuridica.com\/buscador_20179478954\/corteconstitucionalcronologico202454587\/t-907-01\/\" class=\"_self pt-cv-href-thumbnail pt-cv-thumb-default\" target=\"_self\" ><\/a>\n<div class=\"pt-cv-taxoterm above_title\"><a href='https:\/\/www.dmsjuridica.com\/buscador_20179478954\/corteconstitucionalcronologico202454587\/category\/buscar-en-toda-la-corte\/2001\/tutelas-2001\/' title='Tutelas 2001' class='pt-cv-tax-tutelas-2001'>Tutelas 2001<\/a><\/div>\n<h4 class=\"pt-cv-title\"><a href=\"https:\/\/www.dmsjuridica.com\/buscador_20179478954\/corteconstitucionalcronologico202454587\/t-907-01\/\" class=\"_self\" target=\"_self\" >T-907-01<\/a><\/h4>\n<div class=\"pt-cv-content\">\u00a0 \u00a0 Sentencia T-907\/01 \u00a0 SALARIO-Cesaci\u00f3n de pagos indefinidamente repercute en la familia \u00a0 DERECHO AL MINIMO VITAL DEL TRABAJADOR-Presunci\u00f3n de afectaci\u00f3n por ausencia prolongada en pago de salarios \u00a0 Reiteraci\u00f3n de Jurisprudencia \u00a0 Referencia: expediente T-471252 \u00a0 Acci\u00f3n de tutela instaurada por Norma Graciela Navarro Tovar contra la Alcald\u00eda Distrital de Barranquilla, la Secretar\u00eda de Hacienda y el Presidente del Concejo Distrital de la misma ciudad. \u00a0 Magistrado Ponente: \u00a0 Dr. JAIME CORDOBA TRIVI\u00d1O \u00a0 Bogot\u00e1, D.C., veintisiete (27) de agosto de dos mil uno (2001). \u00a0 La Sala Cuarta de Revisi\u00f3n de la Corte Constitucional, en ejercicio de ...<br \/><div class=\"pt-cv-rmwrap\"><a href=\"https:\/\/www.dmsjuridica.com\/buscador_20179478954\/corteconstitucionalcronologico202454587\/t-907-01\/\" class=\"_self pt-cv-readmore btn btn-success\" target=\"_self\">Ver Sentencia Completa...<\/a><\/div><\/div><\/div><\/div>\n<div class=\"col-md-12 col-sm-12 col-xs-12 pt-cv-content-item pt-cv-1-col\" ><div class='pt-cv-ifield'><a href=\"https:\/\/www.dmsjuridica.com\/buscador_20179478954\/corteconstitucionalcronologico202454587\/t-906-01\/\" class=\"_self pt-cv-href-thumbnail pt-cv-thumb-default\" target=\"_self\" ><\/a>\n<div class=\"pt-cv-taxoterm above_title\"><a href='https:\/\/www.dmsjuridica.com\/buscador_20179478954\/corteconstitucionalcronologico202454587\/category\/buscar-en-toda-la-corte\/2001\/tutelas-2001\/' title='Tutelas 2001' class='pt-cv-tax-tutelas-2001'>Tutelas 2001<\/a><\/div>\n<h4 class=\"pt-cv-title\"><a href=\"https:\/\/www.dmsjuridica.com\/buscador_20179478954\/corteconstitucionalcronologico202454587\/t-906-01\/\" class=\"_self\" target=\"_self\" >T-906-01<\/a><\/h4>\n<div class=\"pt-cv-content\">\u00a0 \u00a0 Sentencia T-906\/01 \u00a0 ACCION DE TUTELA-Procedencia excepcional pago de salarios\/DERECHO AL MINIMO VITAL DEL TRABAJADOR-Pago oportuno de salarios \u00a0 EMPLEADOR-Situaci\u00f3n econ\u00f3mica o presupuestal no es \u00f3bice para desconocer pago de salarios \u00a0 DERECHO AL PAGO OPORTUNO DEL SALARIO-Fundamental \u00a0 PARTIDA PRESUPUESTAL-Gesti\u00f3n \u00a0y distribuci\u00f3n para pago oportuno de salarios \u00a0 Reiteraci\u00f3n de Jurisprudencia \u00a0 Referencia: expedientes T-472232, T-470325, y T-470314 \u00a0 Acciones de tutela instauradas por Jimmy Alberto Ahumada Guerra, Carmen Redondo de N\u00fa\u00f1ez y Ram\u00f3n Antonio Ossias Jaime contra la E.S.E. Hospital General de Barranquilla, la Alcald\u00eda Distrital de Barranquilla, la Secretar\u00eda de Hacienda y el Departamento Administrativo ...<br \/><div class=\"pt-cv-rmwrap\"><a href=\"https:\/\/www.dmsjuridica.com\/buscador_20179478954\/corteconstitucionalcronologico202454587\/t-906-01\/\" class=\"_self pt-cv-readmore btn btn-success\" target=\"_self\">Ver Sentencia Completa...<\/a><\/div><\/div><\/div><\/div>\n<div class=\"col-md-12 col-sm-12 col-xs-12 pt-cv-content-item pt-cv-1-col\" ><div class='pt-cv-ifield'><a href=\"https:\/\/www.dmsjuridica.com\/buscador_20179478954\/corteconstitucionalcronologico202454587\/t-905-01\/\" class=\"_self pt-cv-href-thumbnail pt-cv-thumb-default\" target=\"_self\" ><\/a>\n<div class=\"pt-cv-taxoterm above_title\"><a href='https:\/\/www.dmsjuridica.com\/buscador_20179478954\/corteconstitucionalcronologico202454587\/category\/buscar-en-toda-la-corte\/2001\/tutelas-2001\/' title='Tutelas 2001' class='pt-cv-tax-tutelas-2001'>Tutelas 2001<\/a><\/div>\n<h4 class=\"pt-cv-title\"><a href=\"https:\/\/www.dmsjuridica.com\/buscador_20179478954\/corteconstitucionalcronologico202454587\/t-905-01\/\" class=\"_self\" target=\"_self\" >T-905-01<\/a><\/h4>\n<div class=\"pt-cv-content\">\u00a0 \u00a0 Sentencia T-905\/01 \u00a0 ACCION DE TUTELA-Procedencia excepcional pago de salarios\/DERECHO AL MINIMO VITAL DEL TRABAJADOR-Pago oportuno de salarios \u00a0 SALARIO-Pago previa disponibilidad presupuestal o inicio de diligencia para su consecuci\u00f3n \u00a0 DERECHO AL MINIMO VITAL DEL TRABAJADOR-Pago de salarios actuales y futuros \u00a0 Reiteraci\u00f3n de Jurisprudencia \u00a0 Referencia: expedientes T-462825 y T-462834. \u00a0 Magistrado Ponente: \u00a0 Dr. JAIME C\u00d3RDOBA TRIVI\u00d1O \u00a0 Bogot\u00e1, D.C., veintisiete (27) de agosto de dos mil uno (2001). \u00a0 La Sala Cuarta de Revisi\u00f3n de la Corte Constitucional, en ejercicio de sus competencias constitucionales y legales, en particular las previstas contenidas en los art\u00edculos ...<br \/><div class=\"pt-cv-rmwrap\"><a href=\"https:\/\/www.dmsjuridica.com\/buscador_20179478954\/corteconstitucionalcronologico202454587\/t-905-01\/\" class=\"_self pt-cv-readmore btn btn-success\" target=\"_self\">Ver Sentencia Completa...<\/a><\/div><\/div><\/div><\/div>\n<div class=\"col-md-12 col-sm-12 col-xs-12 pt-cv-content-item pt-cv-1-col\" ><div class='pt-cv-ifield'><a href=\"https:\/\/www.dmsjuridica.com\/buscador_20179478954\/corteconstitucionalcronologico202454587\/t-904-01\/\" class=\"_self pt-cv-href-thumbnail pt-cv-thumb-default\" target=\"_self\" ><\/a>\n<div class=\"pt-cv-taxoterm above_title\"><a href='https:\/\/www.dmsjuridica.com\/buscador_20179478954\/corteconstitucionalcronologico202454587\/category\/buscar-en-toda-la-corte\/2001\/tutelas-2001\/' title='Tutelas 2001' class='pt-cv-tax-tutelas-2001'>Tutelas 2001<\/a><\/div>\n<h4 class=\"pt-cv-title\"><a href=\"https:\/\/www.dmsjuridica.com\/buscador_20179478954\/corteconstitucionalcronologico202454587\/t-904-01\/\" class=\"_self\" target=\"_self\" >T-904-01<\/a><\/h4>\n<div class=\"pt-cv-content\">\u00a0 \u00a0 Sentencia T-904\/01 \u00a0 ACCION DE TUTELA CONTRA PROVIDENCIAS JUDICIALES-Car\u00e1cter excepcional \u00a0 No pueden maximizarse las exigencias referidas a la citaci\u00f3n del procesado para efectos de la notificaci\u00f3n de las decisiones judiciales, y hacerlo hasta extremos no previstos en la ley, cuando \u00e9l ha optado por darle la espalda a la actuaci\u00f3n con el evidente prop\u00f3sito de sustraerse a la medida de aseguramiento de detenci\u00f3n preventiva impuesta en su contra y por dejar su suerte en manos del defensor por \u00e9l designado en el acto de vinculaci\u00f3n procesal. Y se hacen estas consideraciones porque en el caso presente el ...<br \/><div class=\"pt-cv-rmwrap\"><a href=\"https:\/\/www.dmsjuridica.com\/buscador_20179478954\/corteconstitucionalcronologico202454587\/t-904-01\/\" class=\"_self pt-cv-readmore btn btn-success\" target=\"_self\">Ver Sentencia Completa...<\/a><\/div><\/div><\/div><\/div>\n<div class=\"col-md-12 col-sm-12 col-xs-12 pt-cv-content-item pt-cv-1-col\" ><div class='pt-cv-ifield'><a href=\"https:\/\/www.dmsjuridica.com\/buscador_20179478954\/corteconstitucionalcronologico202454587\/t-903-01\/\" class=\"_self pt-cv-href-thumbnail pt-cv-thumb-default\" target=\"_self\" ><\/a>\n<div class=\"pt-cv-taxoterm above_title\"><a href='https:\/\/www.dmsjuridica.com\/buscador_20179478954\/corteconstitucionalcronologico202454587\/category\/buscar-en-toda-la-corte\/2001\/tutelas-2001\/' title='Tutelas 2001' class='pt-cv-tax-tutelas-2001'>Tutelas 2001<\/a><\/div>\n<h4 class=\"pt-cv-title\"><a href=\"https:\/\/www.dmsjuridica.com\/buscador_20179478954\/corteconstitucionalcronologico202454587\/t-903-01\/\" class=\"_self\" target=\"_self\" >T-903-01<\/a><\/h4>\n<div class=\"pt-cv-content\">\u00a0 \u00a0 Sentencia T-903\/01 \u00a0 PERSONA JURIDICA-Titularidad de derechos fundamentales \u00a0 DERECHOS FUNDAMENTALES DE PERSONA JURIDICA-Se\u00f1alamiento de los que resultan aplicables y protecci\u00f3n por tutela \u00a0 ACCION DE TUTELA-Improcedencia para obtener reconocimiento y pago de obras \u00a0 ACCION DE TUTELA-Improcedencia sobre controversias econ\u00f3micas \u00a0 AGENCIA OFICIOSA EN TUTELA-Requisitos \u00a0 AGENCIA OFICIOSA EN TUTELA-Legitimidad e inter\u00e9s \u00a0 DERECHO DE PETICION-Improcedencia para ordenar pago de sumas reclamadas \u00a0 Referencia: expediente T-442304 \u00a0 Acci\u00f3n de tutela instaurada por Carlos Alberto Arango, en representaci\u00f3n de Conel\u00e9ctricas Ltda., contra Empresas P\u00fablicas de Cali EMCALI E.S.P. \u00a0 Magistrado Ponente: \u00a0 Dr. JAIME C\u00d3RDOBA TRIVI\u00d1O \u00a0 Bogot\u00e1, ...<br \/><div class=\"pt-cv-rmwrap\"><a href=\"https:\/\/www.dmsjuridica.com\/buscador_20179478954\/corteconstitucionalcronologico202454587\/t-903-01\/\" class=\"_self pt-cv-readmore btn btn-success\" target=\"_self\">Ver Sentencia Completa...<\/a><\/div><\/div><\/div><\/div>\n<div class=\"col-md-12 col-sm-12 col-xs-12 pt-cv-content-item pt-cv-1-col\" ><div class='pt-cv-ifield'><a href=\"https:\/\/www.dmsjuridica.com\/buscador_20179478954\/corteconstitucionalcronologico202454587\/t-902-01\/\" class=\"_self pt-cv-href-thumbnail pt-cv-thumb-default\" target=\"_self\" ><\/a>\n<div class=\"pt-cv-taxoterm above_title\"><a href='https:\/\/www.dmsjuridica.com\/buscador_20179478954\/corteconstitucionalcronologico202454587\/category\/buscar-en-toda-la-corte\/2001\/tutelas-2001\/' title='Tutelas 2001' class='pt-cv-tax-tutelas-2001'>Tutelas 2001<\/a><\/div>\n<h4 class=\"pt-cv-title\"><a href=\"https:\/\/www.dmsjuridica.com\/buscador_20179478954\/corteconstitucionalcronologico202454587\/t-902-01\/\" class=\"_self\" target=\"_self\" >T-902-01<\/a><\/h4>\n<div class=\"pt-cv-content\">\u00a0 \u00a0 Sentencia T-902\/01 \u00a0 ACCION DE TUTELA-Hecho superado \u00a0 Referencia: expediente T-449627 \u00a0 Acci\u00f3n de tutela presentada por Omar Valencia contra la A.R.P. BBVA Seguros Ganadero Compa\u00f1\u00eda de Seguros de Vida S.A. \u00a0 Magistrado Ponente: \u00a0 JAIME C\u00d3RDOBA TRIVI\u00d1O \u00a0 Bogot\u00e1, D.C., veintisiete (27) de agosto de dos mil uno (2001). \u00a0 La Sala Cuarta de Revisi\u00f3n de la Corte Constitucional, en ejercicio de sus competencias constitucionales y legales, espec\u00edficamente las previstas en los art\u00edculos 86 y 241, numeral 9, de la Constituci\u00f3n Pol\u00edtica y en el Decreto 2591 de 1991, ha proferido la siguiente \u00a0 SENTENCIA \u00a0 dentro ...<br \/><div class=\"pt-cv-rmwrap\"><a href=\"https:\/\/www.dmsjuridica.com\/buscador_20179478954\/corteconstitucionalcronologico202454587\/t-902-01\/\" class=\"_self pt-cv-readmore btn btn-success\" target=\"_self\">Ver Sentencia Completa...<\/a><\/div><\/div><\/div><\/div>\n<div class=\"col-md-12 col-sm-12 col-xs-12 pt-cv-content-item pt-cv-1-col\" ><div class='pt-cv-ifield'><a href=\"https:\/\/www.dmsjuridica.com\/buscador_20179478954\/corteconstitucionalcronologico202454587\/t-901-01\/\" class=\"_self pt-cv-href-thumbnail pt-cv-thumb-default\" target=\"_self\" ><\/a>\n<div class=\"pt-cv-taxoterm above_title\"><a href='https:\/\/www.dmsjuridica.com\/buscador_20179478954\/corteconstitucionalcronologico202454587\/category\/buscar-en-toda-la-corte\/2001\/tutelas-2001\/' title='Tutelas 2001' class='pt-cv-tax-tutelas-2001'>Tutelas 2001<\/a><\/div>\n<h4 class=\"pt-cv-title\"><a href=\"https:\/\/www.dmsjuridica.com\/buscador_20179478954\/corteconstitucionalcronologico202454587\/t-901-01\/\" class=\"_self\" target=\"_self\" >T-901-01<\/a><\/h4>\n<div class=\"pt-cv-content\">\u00a0 \u00a0 Sentencia T-901\/01 \u00a0 DERECHO A LA SALUD- Cirug\u00eda de hernia discal \u00a0 Atendiendo la circunstancia de no haberse acreditado la efectiva realizaci\u00f3n de la cirug\u00eda de hernia inguinal izquierda solicitada por el actor y teniendo en cuenta que el dolor que le ocasiona dicho padecimiento constituye una forma de trato cruel (C.P. art. 12) y un desmejoramiento en su calidad de vida (art. 11 \u00eddem), se ordenar\u00e1 que en caso de no haberse practicado el referido procedimiento para la fecha de notificaci\u00f3n de esta sentencia la accionada haga efectivas las autorizaciones expedidas para tal fin. \u00a0 DERECHO A ...<br \/><div class=\"pt-cv-rmwrap\"><a href=\"https:\/\/www.dmsjuridica.com\/buscador_20179478954\/corteconstitucionalcronologico202454587\/t-901-01\/\" class=\"_self pt-cv-readmore btn btn-success\" target=\"_self\">Ver Sentencia Completa...<\/a><\/div><\/div><\/div><\/div>\n<div class=\"col-md-12 col-sm-12 col-xs-12 pt-cv-content-item pt-cv-1-col\" ><div class='pt-cv-ifield'><a href=\"https:\/\/www.dmsjuridica.com\/buscador_20179478954\/corteconstitucionalcronologico202454587\/t-900-01\/\" class=\"_self pt-cv-href-thumbnail pt-cv-thumb-default\" target=\"_self\" ><\/a>\n<div class=\"pt-cv-taxoterm above_title\"><a href='https:\/\/www.dmsjuridica.com\/buscador_20179478954\/corteconstitucionalcronologico202454587\/category\/buscar-en-toda-la-corte\/2001\/tutelas-2001\/' title='Tutelas 2001' class='pt-cv-tax-tutelas-2001'>Tutelas 2001<\/a><\/div>\n<h4 class=\"pt-cv-title\"><a href=\"https:\/\/www.dmsjuridica.com\/buscador_20179478954\/corteconstitucionalcronologico202454587\/t-900-01\/\" class=\"_self\" target=\"_self\" >T-900-01<\/a><\/h4>\n<div class=\"pt-cv-content\">\u00a0 \u00a0 Sentencia T-900\/01 \u00a0 BONOS PENSIONALES-Demora en la emisi\u00f3n afecta derechos fundamentales\/VIA DE HECHO-Se niega pensi\u00f3n por demora en emisi\u00f3n del bono\/BONOS PENSIONALES-No emisi\u00f3n no es obst\u00e1culo para obtener pensi\u00f3n de jubilaci\u00f3n \u00a0 SEGURO SOCIAL-Negligencia administrativa no puede trasladarse a usuarios \u00a0 Referencia: expediente T-479.956 \u00a0 Acci\u00f3n de tutela de Ver\u00f3nica D\u00edaz C\u00f3rdoba contra Seguro Social. \u00a0 Procedencia: \u00a0Tribunal Superior del Distrito Judicial de Neiva - Sala Civil -Familia - Laboral. \u00a0 Magistrado Ponente:\u00a0 \u00a0 Dr. ALFREDO BELTR\u00c1N SIERRA. \u00a0 Sentencia aprobada en Bogot\u00e1, en sesi\u00f3n del veintitr\u00e9s (23) de \u00a0agosto de dos mil uno (2001). \u00a0 La Sala ...<br \/><div class=\"pt-cv-rmwrap\"><a href=\"https:\/\/www.dmsjuridica.com\/buscador_20179478954\/corteconstitucionalcronologico202454587\/t-900-01\/\" class=\"_self pt-cv-readmore btn btn-success\" target=\"_self\">Ver Sentencia Completa...<\/a><\/div><\/div><\/div><\/div>\n<div class=\"col-md-12 col-sm-12 col-xs-12 pt-cv-content-item pt-cv-1-col\" ><div class='pt-cv-ifield'><a href=\"https:\/\/www.dmsjuridica.com\/buscador_20179478954\/corteconstitucionalcronologico202454587\/t-899-01\/\" class=\"_self pt-cv-href-thumbnail pt-cv-thumb-default\" target=\"_self\" ><\/a>\n<div class=\"pt-cv-taxoterm above_title\"><a href='https:\/\/www.dmsjuridica.com\/buscador_20179478954\/corteconstitucionalcronologico202454587\/category\/buscar-en-toda-la-corte\/2001\/tutelas-2001\/' title='Tutelas 2001' class='pt-cv-tax-tutelas-2001'>Tutelas 2001<\/a><\/div>\n<h4 class=\"pt-cv-title\"><a href=\"https:\/\/www.dmsjuridica.com\/buscador_20179478954\/corteconstitucionalcronologico202454587\/t-899-01\/\" class=\"_self\" target=\"_self\" >T-899-01<\/a><\/h4>\n<div class=\"pt-cv-content\">\u00a0 \u00a0 Sentencia T-899\/01 \u00a0 AGENCIA OFICIOSA EN TUTELA-Requisitos \u00a0 AGENCIA OFICIOSA EN TUTELA-Legitimidad e inter\u00e9s \u00a0 AGENCIA OFICIOSA EN TUTELA-Madre en representaci\u00f3n de hijo mayor de edad\/AGENCIA OFICIOSA EN TUTELA-Necesidad de probar imposibilidad de accionar \u00a0 Referencia: expediente T- 477.157 \u00a0 Acci\u00f3n de tutela instaurada por Judith Mendoza Pati\u00f1o contra la Empresa Social del Estado Hospital Regional de Moniquir\u00e1. \u00a0 Magistrado Ponente: \u00a0 ALFREDO BELTR\u00c1N SIERRA. \u00a0 Bogot\u00e1, D.C., veintitr\u00e9s (23) de agosto de dos mil uno (2001). \u00a0 La Sala Segunda de Revisi\u00f3n de la Corte Constitucional, en ejercicio de sus competencias constitucionales y legales, ha proferido la ...<br \/><div class=\"pt-cv-rmwrap\"><a href=\"https:\/\/www.dmsjuridica.com\/buscador_20179478954\/corteconstitucionalcronologico202454587\/t-899-01\/\" class=\"_self pt-cv-readmore btn btn-success\" target=\"_self\">Ver Sentencia Completa...<\/a><\/div><\/div><\/div><\/div>\n<div class=\"col-md-12 col-sm-12 col-xs-12 pt-cv-content-item pt-cv-1-col\" ><div class='pt-cv-ifield'><a href=\"https:\/\/www.dmsjuridica.com\/buscador_20179478954\/corteconstitucionalcronologico202454587\/t-891-01\/\" class=\"_self pt-cv-href-thumbnail pt-cv-thumb-default\" target=\"_self\" ><\/a>\n<div class=\"pt-cv-taxoterm above_title\"><a href='https:\/\/www.dmsjuridica.com\/buscador_20179478954\/corteconstitucionalcronologico202454587\/category\/buscar-en-toda-la-corte\/2001\/tutelas-2001\/' title='Tutelas 2001' class='pt-cv-tax-tutelas-2001'>Tutelas 2001<\/a><\/div>\n<h4 class=\"pt-cv-title\"><a href=\"https:\/\/www.dmsjuridica.com\/buscador_20179478954\/corteconstitucionalcronologico202454587\/t-891-01\/\" class=\"_self\" target=\"_self\" >T-891-01<\/a><\/h4>\n<div class=\"pt-cv-content\">\u00a0 \u00a0 Sentencia T-891\/01 \u00a0 ACCION DE TUTELA-Improcedencia para el pago de sobresueldo \u00a0 Reiteraci\u00f3n de jurisprudencia \u00a0 Referencia: expediente: T-445207 \u00a0 Acci\u00f3n de cumplimiento interpuesta por Marl\u00e9n Medina Aranguren y otros contra el Municipio de Zipaquir\u00e1. \u00a0 Magistrado ponente: \u00a0 Dr. EDUARDO MONTEALEGRE LYNETT \u00a0 Bogot\u00e1, D.C. nueve (9) de agosto de dos mil uno (2001). \u00a0 La Sala S\u00e9ptima de Revisi\u00f3n de la Corte Constitucional, integrada por los magistrados Eduardo Montealegre Lynett, Alvaro Tafur G\u00e1lvis y Clara In\u00e9s V\u00e1rgas Hern\u00e1ndez, en ejercicio de sus competencias constitucionales y legales, ha proferido la siguiente \u00a0 SENTENCIA \u00a0 dentro del proceso ...<br \/><div class=\"pt-cv-rmwrap\"><a href=\"https:\/\/www.dmsjuridica.com\/buscador_20179478954\/corteconstitucionalcronologico202454587\/t-891-01\/\" class=\"_self pt-cv-readmore btn btn-success\" target=\"_self\">Ver Sentencia Completa...<\/a><\/div><\/div><\/div><\/div>\n<div class=\"col-md-12 col-sm-12 col-xs-12 pt-cv-content-item pt-cv-1-col\" ><div class='pt-cv-ifield'><a href=\"https:\/\/www.dmsjuridica.com\/buscador_20179478954\/corteconstitucionalcronologico202454587\/t-889-01\/\" class=\"_self pt-cv-href-thumbnail pt-cv-thumb-default\" target=\"_self\" ><\/a>\n<div class=\"pt-cv-taxoterm above_title\"><a href='https:\/\/www.dmsjuridica.com\/buscador_20179478954\/corteconstitucionalcronologico202454587\/category\/buscar-en-toda-la-corte\/2001\/tutelas-2001\/' title='Tutelas 2001' class='pt-cv-tax-tutelas-2001'>Tutelas 2001<\/a><\/div>\n<h4 class=\"pt-cv-title\"><a href=\"https:\/\/www.dmsjuridica.com\/buscador_20179478954\/corteconstitucionalcronologico202454587\/t-889-01\/\" class=\"_self\" target=\"_self\" >T-889-01<\/a><\/h4>\n<div class=\"pt-cv-content\">DECRETO QUE ESTABLECE REGLAS DE COMPETENCIA PARA REPARTO DE LA ACCION DE TUTELA-Suspensi\u00f3n de la aplicaci\u00f3n\/DECRETO QUE ESTABLECE REGLAS DE COMPETENCIA PARA REPARTO DE LA ACCION DE TUTELA-Prevalencia del derecho sustancial e improcedencia de decretar nulidad \u00a0 Mediante el Decreto 404 de 2001, el Presidente de la Rep\u00fablica suspendi\u00f3 la aplicaci\u00f3n del Decreto 1382, que en la actualidad es objeto de control por parte del Consejo de Estado. Ahora bien: las razones en las que se apoy\u00f3 la Corte para proceder de esta manera, se fundamentaban en la necesidad de privilegiar la aplicaci\u00f3n de la Constituci\u00f3n por encima de un ...<br \/><div class=\"pt-cv-rmwrap\"><a href=\"https:\/\/www.dmsjuridica.com\/buscador_20179478954\/corteconstitucionalcronologico202454587\/t-889-01\/\" class=\"_self pt-cv-readmore btn btn-success\" target=\"_self\">Ver Sentencia Completa...<\/a><\/div><\/div><\/div><\/div>\n<div class=\"col-md-12 col-sm-12 col-xs-12 pt-cv-content-item pt-cv-1-col\" ><div class='pt-cv-ifield'><a href=\"https:\/\/www.dmsjuridica.com\/buscador_20179478954\/corteconstitucionalcronologico202454587\/t-888-01\/\" class=\"_self pt-cv-href-thumbnail pt-cv-thumb-default\" target=\"_self\" ><\/a>\n<div class=\"pt-cv-taxoterm above_title\"><a href='https:\/\/www.dmsjuridica.com\/buscador_20179478954\/corteconstitucionalcronologico202454587\/category\/buscar-en-toda-la-corte\/2001\/tutelas-2001\/' title='Tutelas 2001' class='pt-cv-tax-tutelas-2001'>Tutelas 2001<\/a><\/div>\n<h4 class=\"pt-cv-title\"><a href=\"https:\/\/www.dmsjuridica.com\/buscador_20179478954\/corteconstitucionalcronologico202454587\/t-888-01\/\" class=\"_self\" target=\"_self\" >T-888-01<\/a><\/h4>\n<div class=\"pt-cv-content\">\u00a0 \u00a0 Sentencia T-888\/01 \u00a0 DERECHO A LA PENSION DE INVALIDEZ-Fundamental por conexidad \u00a0 El derecho al reconocimiento y pago de la pensi\u00f3n de invalidez es un derecho fundamental por conexidad, el cual es susceptible de protecci\u00f3n a trav\u00e9s de tutela. En el caso sub iudice esta Sala considera que el derecho al reconocimiento de la pensi\u00f3n de invalidez que reclama el accionante es fundamental, en tanto se encuentra en conexidad con sus derechos a la vida digna, la salud y el trabajo. En efecto, la condici\u00f3n de disminuido f\u00edsico plenamente probada en el expediente, la carencia de recursos propios ...<br \/><div class=\"pt-cv-rmwrap\"><a href=\"https:\/\/www.dmsjuridica.com\/buscador_20179478954\/corteconstitucionalcronologico202454587\/t-888-01\/\" class=\"_self pt-cv-readmore btn btn-success\" target=\"_self\">Ver Sentencia Completa...<\/a><\/div><\/div><\/div><\/div>\n<div class=\"col-md-12 col-sm-12 col-xs-12 pt-cv-content-item pt-cv-1-col\" ><div class='pt-cv-ifield'><a href=\"https:\/\/www.dmsjuridica.com\/buscador_20179478954\/corteconstitucionalcronologico202454587\/t-887-01\/\" class=\"_self pt-cv-href-thumbnail pt-cv-thumb-default\" target=\"_self\" ><\/a>\n<div class=\"pt-cv-taxoterm above_title\"><a href='https:\/\/www.dmsjuridica.com\/buscador_20179478954\/corteconstitucionalcronologico202454587\/category\/buscar-en-toda-la-corte\/2001\/tutelas-2001\/' title='Tutelas 2001' class='pt-cv-tax-tutelas-2001'>Tutelas 2001<\/a><\/div>\n<h4 class=\"pt-cv-title\"><a href=\"https:\/\/www.dmsjuridica.com\/buscador_20179478954\/corteconstitucionalcronologico202454587\/t-887-01\/\" class=\"_self\" target=\"_self\" >T-887-01<\/a><\/h4>\n<div class=\"pt-cv-content\">\u00a0 \u00a0 Sentencia T-887\/01 \u00a0 SEGURO SOCIAL-Negligencia administrativa no puede trasladarse a usuarios \u00a0 BONOS PENSIONALES-Demora en la emisi\u00f3n afecta derechos fundamentales\/VIA DE HECHO-Se niega pensi\u00f3n por demora en emisi\u00f3n del bono \u00a0 BONOS PENSIONALES-No emisi\u00f3n no es obst\u00e1culo para obtener pensi\u00f3n de jubilaci\u00f3n \u00a0 DERECHO DE PETICION-Vulneraci\u00f3n \u00a0 -Reiteraci\u00f3n de Jurisprudencia- \u00a0 Referencia: \u00a0expediente No. T-457844 \u00a0 Acci\u00f3n de tutela instaurada por Mar\u00eda Ligia Arcila Dom\u00ednguez contra el Instituto del Seguro Social. \u00a0 Magistrado Ponente: \u00a0 Dr. EDUARDO MONTEALEGRE LYNETT.\u00a0 \u00a0 Bogot\u00e1, D.C. diecis\u00e9is (16) de agosto de dos mil uno (2001). \u00a0 La Sala S\u00e9ptima de Revisi\u00f3n de ...<br \/><div class=\"pt-cv-rmwrap\"><a href=\"https:\/\/www.dmsjuridica.com\/buscador_20179478954\/corteconstitucionalcronologico202454587\/t-887-01\/\" class=\"_self pt-cv-readmore btn btn-success\" target=\"_self\">Ver Sentencia Completa...<\/a><\/div><\/div><\/div><\/div>\n<div class=\"col-md-12 col-sm-12 col-xs-12 pt-cv-content-item pt-cv-1-col\" ><div class='pt-cv-ifield'><a href=\"https:\/\/www.dmsjuridica.com\/buscador_20179478954\/corteconstitucionalcronologico202454587\/t-886-01\/\" class=\"_self pt-cv-href-thumbnail pt-cv-thumb-default\" target=\"_self\" ><\/a>\n<div class=\"pt-cv-taxoterm above_title\"><a href='https:\/\/www.dmsjuridica.com\/buscador_20179478954\/corteconstitucionalcronologico202454587\/category\/buscar-en-toda-la-corte\/2001\/tutelas-2001\/' title='Tutelas 2001' class='pt-cv-tax-tutelas-2001'>Tutelas 2001<\/a><\/div>\n<h4 class=\"pt-cv-title\"><a href=\"https:\/\/www.dmsjuridica.com\/buscador_20179478954\/corteconstitucionalcronologico202454587\/t-886-01\/\" class=\"_self\" target=\"_self\" >T-886-01<\/a><\/h4>\n<div class=\"pt-cv-content\">\u00a0 \u00a0 Sentencia T-886\/01 \u00a0 RECURSO DE CASACION PENAL-Idoneidad para la protecci\u00f3n de derechos fundamentales\/RECURSO DE CASACION PENAL-Improcedencia de tutela por encontrarse pendiente de decisi\u00f3n \u00a0 La tutela resulta improcedente en el presente caso, pues no se ha agotado un recurso de defensa judicial, que se estima id\u00f3neo. Ahora bien, al cotejar las demandas de casaci\u00f3n y de tutela se observa que la primera \u00fanicamente se dirige a cuestionar la valoraci\u00f3n que el Tribunal hizo de las pruebas, mientras que en la demanda de tutela se cuestiona, adem\u00e1s, la pr\u00e1ctica de una prueba y su defensa en el proceso penal ...<br \/><div class=\"pt-cv-rmwrap\"><a href=\"https:\/\/www.dmsjuridica.com\/buscador_20179478954\/corteconstitucionalcronologico202454587\/t-886-01\/\" class=\"_self pt-cv-readmore btn btn-success\" target=\"_self\">Ver Sentencia Completa...<\/a><\/div><\/div><\/div><\/div>\n<div class=\"col-md-12 col-sm-12 col-xs-12 pt-cv-content-item pt-cv-1-col\" ><div class='pt-cv-ifield'><a href=\"https:\/\/www.dmsjuridica.com\/buscador_20179478954\/corteconstitucionalcronologico202454587\/t-885-01\/\" class=\"_self pt-cv-href-thumbnail pt-cv-thumb-default\" target=\"_self\" ><\/a>\n<div class=\"pt-cv-taxoterm above_title\"><a href='https:\/\/www.dmsjuridica.com\/buscador_20179478954\/corteconstitucionalcronologico202454587\/category\/buscar-en-toda-la-corte\/2001\/tutelas-2001\/' title='Tutelas 2001' class='pt-cv-tax-tutelas-2001'>Tutelas 2001<\/a><\/div>\n<h4 class=\"pt-cv-title\"><a href=\"https:\/\/www.dmsjuridica.com\/buscador_20179478954\/corteconstitucionalcronologico202454587\/t-885-01\/\" class=\"_self\" target=\"_self\" >T-885-01<\/a><\/h4>\n<div class=\"pt-cv-content\">\u00a0 \u00a0 Sentencia T-885\/01 \u00a0 DERECHO A LA SALUD DE MENOR DE EDAD- Suministro de tratamiento m\u00e9dico por quemaduras sin cumplir m\u00ednimo de cotizaci\u00f3n \u00a0 DERECHO A LA SALUD- Prueba de la incapacidad econ\u00f3mica para asumir tratamiento \u00a0 Reiteraci\u00f3n de Jurisprudencia \u00a0 Referencia: expediente T-450992 \u00a0 Acci\u00f3n de tutela instaurada por Uriel Rodr\u00edguez Arenas en representaci\u00f3n de su hijo Fabian Andr\u00e9s Rodr\u00edguez Nope contra CAFESALUD E.P.S. \u00a0 Magistrado Ponente: \u00a0 Dr. EDUARDO MONTEALEGRE LYNETT \u00a0 La Sala S\u00e9ptima de Revisi\u00f3n de la Corte Constitucional, en ejercicio de sus competencias constitucionales y legales, espec\u00edficamente las previstas en los art\u00edculos 86 y ...<br \/><div class=\"pt-cv-rmwrap\"><a href=\"https:\/\/www.dmsjuridica.com\/buscador_20179478954\/corteconstitucionalcronologico202454587\/t-885-01\/\" class=\"_self pt-cv-readmore btn btn-success\" target=\"_self\">Ver Sentencia Completa...<\/a><\/div><\/div><\/div><\/div>\n<div class=\"col-md-12 col-sm-12 col-xs-12 pt-cv-content-item pt-cv-1-col\" ><div class='pt-cv-ifield'><a href=\"https:\/\/www.dmsjuridica.com\/buscador_20179478954\/corteconstitucionalcronologico202454587\/t-884-01\/\" class=\"_self pt-cv-href-thumbnail pt-cv-thumb-default\" target=\"_self\" ><\/a>\n<div class=\"pt-cv-taxoterm above_title\"><a href='https:\/\/www.dmsjuridica.com\/buscador_20179478954\/corteconstitucionalcronologico202454587\/category\/buscar-en-toda-la-corte\/2001\/tutelas-2001\/' title='Tutelas 2001' class='pt-cv-tax-tutelas-2001'>Tutelas 2001<\/a><\/div>\n<h4 class=\"pt-cv-title\"><a href=\"https:\/\/www.dmsjuridica.com\/buscador_20179478954\/corteconstitucionalcronologico202454587\/t-884-01\/\" class=\"_self\" target=\"_self\" >T-884-01<\/a><\/h4>\n<div class=\"pt-cv-content\">\u00a0 \u00a0 Sentencia T-884\/01 \u00a0 DERECHO A LA SALUD-Suministro de pr\u00f3tesis por E.P.S. \u00a0 Referencia: expediente T- 446025 \u00a0 Acci\u00f3n de tutela instaurada por Adalberto Manjarr\u00e9s Valencia contra Susalud E.P.S. \u00a0 Magistrado Ponente: \u00a0 Dr. EDUARDO MONTEALEGRE LYNETT. \u00a0 Bogot\u00e1 ,D.C., agosto nueve (9) de dos mil uno (2001). \u00a0 La Sala S\u00e9ptima de Revisi\u00f3n de la Corte Constitucional, integrada por los Magistrados Eduardo Montealegre Lynett, Alvaro Tafur Galvis y Clara In\u00e9s Vargas Hern\u00e1ndez, en uso de sus facultades constitucionales y legales ha proferido la siguiente \u00a0 SENTENCIA \u00a0 Dentro del proceso de revisi\u00f3n de los fallos proferidos por el ...<br \/><div class=\"pt-cv-rmwrap\"><a href=\"https:\/\/www.dmsjuridica.com\/buscador_20179478954\/corteconstitucionalcronologico202454587\/t-884-01\/\" class=\"_self pt-cv-readmore btn btn-success\" target=\"_self\">Ver Sentencia Completa...<\/a><\/div><\/div><\/div><\/div>\n<div class=\"col-md-12 col-sm-12 col-xs-12 pt-cv-content-item pt-cv-1-col\" ><div class='pt-cv-ifield'><a href=\"https:\/\/www.dmsjuridica.com\/buscador_20179478954\/corteconstitucionalcronologico202454587\/t-883-01\/\" class=\"_self pt-cv-href-thumbnail pt-cv-thumb-default\" target=\"_self\" ><\/a>\n<div class=\"pt-cv-taxoterm above_title\"><a href='https:\/\/www.dmsjuridica.com\/buscador_20179478954\/corteconstitucionalcronologico202454587\/category\/buscar-en-toda-la-corte\/2001\/tutelas-2001\/' title='Tutelas 2001' class='pt-cv-tax-tutelas-2001'>Tutelas 2001<\/a><\/div>\n<h4 class=\"pt-cv-title\"><a href=\"https:\/\/www.dmsjuridica.com\/buscador_20179478954\/corteconstitucionalcronologico202454587\/t-883-01\/\" class=\"_self\" target=\"_self\" >T-883-01<\/a><\/h4>\n<div class=\"pt-cv-content\">\u00a0 \u00a0 Sentencia T-883\/01 \u00a0 PRINCIPIO DE LA BUENA FE-Observancia general \u00a0 ACCION DE TUTELA TEMERARIA \u00a0 TEMERIDAD O MALA FE-Uso indebido de la tutela \u00a0 PROFESIONAL DEL DERECHO-Verificaci\u00f3n de los hechos expuestos a trav\u00e9s de las pruebas \u00a0 Reiteraci\u00f3n de Jurisprudencia \u00a0 Referencia: expediente T-446482. \u00a0 Acci\u00f3n de tutela instaurada por El\u00edas Jos\u00e9 Salek George contra el Seguros Sociales.\u00a0 \u00a0 Magistrado Ponente: \u00a0 Dr. EDUARDO MONTEALEGRE LYNETT \u00a0 Bogot\u00e1, D.C., nueve (9) de agosto de dos mil uno (2001). \u00a0 La Sala S\u00e9ptima de Revisi\u00f3n de la Corte Constitucional, en ejercicio de sus competencias constitucionales y legales, espec\u00edficamente las ...<br \/><div class=\"pt-cv-rmwrap\"><a href=\"https:\/\/www.dmsjuridica.com\/buscador_20179478954\/corteconstitucionalcronologico202454587\/t-883-01\/\" class=\"_self pt-cv-readmore btn btn-success\" target=\"_self\">Ver Sentencia Completa...<\/a><\/div><\/div><\/div><\/div>\n<div class=\"col-md-12 col-sm-12 col-xs-12 pt-cv-content-item pt-cv-1-col\" ><div class='pt-cv-ifield'><a href=\"https:\/\/www.dmsjuridica.com\/buscador_20179478954\/corteconstitucionalcronologico202454587\/t-882-01\/\" class=\"_self pt-cv-href-thumbnail pt-cv-thumb-default\" target=\"_self\" ><\/a>\n<div class=\"pt-cv-taxoterm above_title\"><a href='https:\/\/www.dmsjuridica.com\/buscador_20179478954\/corteconstitucionalcronologico202454587\/category\/buscar-en-toda-la-corte\/2001\/tutelas-2001\/' title='Tutelas 2001' class='pt-cv-tax-tutelas-2001'>Tutelas 2001<\/a><\/div>\n<h4 class=\"pt-cv-title\"><a href=\"https:\/\/www.dmsjuridica.com\/buscador_20179478954\/corteconstitucionalcronologico202454587\/t-882-01\/\" class=\"_self\" target=\"_self\" >T-882-01<\/a><\/h4>\n<div class=\"pt-cv-content\">\u00a0 \u00a0 Sentencia T-882\/01 \u00a0 DERECHO DE ASOCIACION SINDICAL-No vulneraci\u00f3n por no renovar contratos de trabajo en Tejicondor \u00a0 La protecci\u00f3n del derecho a la libertad de asociaci\u00f3n sindical por v\u00eda de tutela no puede prosperar simple y llanamente porque s\u00ed. Como en todo proceso de tutela, las situaciones y hechos presuntamente constitutivos de la vulneraci\u00f3n de un determinado derecho fundamental deben aparecer probados. En el presente caso, la empresa accionada aport\u00f3 prueba suficiente para justificar su \u201cconducta\u201d de la no renovaci\u00f3n de los contratos de trabajo a t\u00e9rmino fijo. Para su fortuna, el Juzgado D\u00e9cimo Civil del Circuito orden\u00f3 ...<br \/><div class=\"pt-cv-rmwrap\"><a href=\"https:\/\/www.dmsjuridica.com\/buscador_20179478954\/corteconstitucionalcronologico202454587\/t-882-01\/\" class=\"_self pt-cv-readmore btn btn-success\" target=\"_self\">Ver Sentencia Completa...<\/a><\/div><\/div><\/div><\/div>\n<div class=\"col-md-12 col-sm-12 col-xs-12 pt-cv-content-item pt-cv-1-col\" ><div class='pt-cv-ifield'><a href=\"https:\/\/www.dmsjuridica.com\/buscador_20179478954\/corteconstitucionalcronologico202454587\/t-881-01\/\" class=\"_self pt-cv-href-thumbnail pt-cv-thumb-default\" target=\"_self\" ><\/a>\n<div class=\"pt-cv-taxoterm above_title\"><a href='https:\/\/www.dmsjuridica.com\/buscador_20179478954\/corteconstitucionalcronologico202454587\/category\/buscar-en-toda-la-corte\/2001\/tutelas-2001\/' title='Tutelas 2001' class='pt-cv-tax-tutelas-2001'>Tutelas 2001<\/a><\/div>\n<h4 class=\"pt-cv-title\"><a href=\"https:\/\/www.dmsjuridica.com\/buscador_20179478954\/corteconstitucionalcronologico202454587\/t-881-01\/\" class=\"_self\" target=\"_self\" >T-881-01<\/a><\/h4>\n<div class=\"pt-cv-content\">\u00a0 \u00a0 Sentencia T-881\/01 \u00a0 LEGITIMACION POR ACTIVA EN TUTELA-Cualquier persona puede exigir el cumplimiento de los derechos de los ni\u00f1os \u00a0 Por expreso mandato constitucional (art\u00edculo 44) los derechos de los menores prevalecer\u00e1n sobre los de otros sujetos de derecho en caso de existencia de conflicto de intereses. Esto en virtud del principio pro infans, establecido por la Carta Pol\u00edtica, que implica dar prioridad a los intereses de los menores. En caso de existir conflicto entre la protecci\u00f3n del derecho de los padres a conformar una familia, educar y formar a sus hijos y los derechos del menor a ...<br \/><div class=\"pt-cv-rmwrap\"><a href=\"https:\/\/www.dmsjuridica.com\/buscador_20179478954\/corteconstitucionalcronologico202454587\/t-881-01\/\" class=\"_self pt-cv-readmore btn btn-success\" target=\"_self\">Ver Sentencia Completa...<\/a><\/div><\/div><\/div><\/div>\n<div class=\"col-md-12 col-sm-12 col-xs-12 pt-cv-content-item pt-cv-1-col\" ><div class='pt-cv-ifield'><a href=\"https:\/\/www.dmsjuridica.com\/buscador_20179478954\/corteconstitucionalcronologico202454587\/t-880-01\/\" class=\"_self pt-cv-href-thumbnail pt-cv-thumb-default\" target=\"_self\" ><\/a>\n<div class=\"pt-cv-taxoterm above_title\"><a href='https:\/\/www.dmsjuridica.com\/buscador_20179478954\/corteconstitucionalcronologico202454587\/category\/buscar-en-toda-la-corte\/2001\/tutelas-2001\/' title='Tutelas 2001' class='pt-cv-tax-tutelas-2001'>Tutelas 2001<\/a><\/div>\n<h4 class=\"pt-cv-title\"><a href=\"https:\/\/www.dmsjuridica.com\/buscador_20179478954\/corteconstitucionalcronologico202454587\/t-880-01\/\" class=\"_self\" target=\"_self\" >T-880-01<\/a><\/h4>\n<div class=\"pt-cv-content\">\u00a0 \u00a0 Sentencia T-880\/01 \u00a0 DEBIDO PROCESO PENAL-Actor no ejerci\u00f3 su defensa ni interpuso recursos\/ACCION DE TUTELA CONTRA PROVIDENCIAS JUDICIALES-Improcedencia por no existir v\u00eda de hecho \u00a0 El actor se desentendi\u00f3 del proceso penal, en tanto no quiso ejercer su defensa aportando pruebas ni interpuso oportunamente los recursos que por ley le asist\u00edan \u00a0y, entonces, \u00a0no pod\u00eda acudir a la tutela para remediar su desidia. A todo ello, la Corte s\u00f3lo puede agregar que era en el proceso penal en d\u00f3nde el actor debi\u00f3 demostrar y probar los hechos y circunstancias que, seg\u00fan \u00e9l, le impidieron cumplir con la orden ...<br \/><div class=\"pt-cv-rmwrap\"><a href=\"https:\/\/www.dmsjuridica.com\/buscador_20179478954\/corteconstitucionalcronologico202454587\/t-880-01\/\" class=\"_self pt-cv-readmore btn btn-success\" target=\"_self\">Ver Sentencia Completa...<\/a><\/div><\/div><\/div><\/div>\n<div class=\"col-md-12 col-sm-12 col-xs-12 pt-cv-content-item pt-cv-1-col\" ><div class='pt-cv-ifield'><a href=\"https:\/\/www.dmsjuridica.com\/buscador_20179478954\/corteconstitucionalcronologico202454587\/t-879-01\/\" class=\"_self pt-cv-href-thumbnail pt-cv-thumb-default\" target=\"_self\" ><\/a>\n<div class=\"pt-cv-taxoterm above_title\"><a href='https:\/\/www.dmsjuridica.com\/buscador_20179478954\/corteconstitucionalcronologico202454587\/category\/buscar-en-toda-la-corte\/2001\/tutelas-2001\/' title='Tutelas 2001' class='pt-cv-tax-tutelas-2001'>Tutelas 2001<\/a><\/div>\n<h4 class=\"pt-cv-title\"><a href=\"https:\/\/www.dmsjuridica.com\/buscador_20179478954\/corteconstitucionalcronologico202454587\/t-879-01\/\" class=\"_self\" target=\"_self\" >T-879-01<\/a><\/h4>\n<div class=\"pt-cv-content\">\u00a0 \u00a0 Sentencia T-879\/01 \u00a0 DERECHOS DEL DETENIDO-Utilizaci\u00f3n de esposas para atar y evitar fuga \u00a0 En el caso en estudio, se utilizaron las esposas para atar a una persona sindicada de un hecho punible dizque con el \u00e1nimo de evitar su eventual fuga, que se encontraba postrada en la cama de un hospital, sin consideraci\u00f3n alguna de las dif\u00edciles condiciones de salud y el grave deterioro de su integridad f\u00edsica en \u00a0que se hallaba, los que por s\u00ed solos permit\u00edan colegir que no estaba en posibilidades f\u00edsicas de huir y, por consiguiente, era innecesaria, in\u00fatil y desproporcionada la medida ...<br \/><div class=\"pt-cv-rmwrap\"><a href=\"https:\/\/www.dmsjuridica.com\/buscador_20179478954\/corteconstitucionalcronologico202454587\/t-879-01\/\" class=\"_self pt-cv-readmore btn btn-success\" target=\"_self\">Ver Sentencia Completa...<\/a><\/div><\/div><\/div><\/div>\n<div class=\"col-md-12 col-sm-12 col-xs-12 pt-cv-content-item pt-cv-1-col\" ><div class='pt-cv-ifield'><a href=\"https:\/\/www.dmsjuridica.com\/buscador_20179478954\/corteconstitucionalcronologico202454587\/t-878-01\/\" class=\"_self pt-cv-href-thumbnail pt-cv-thumb-default\" target=\"_self\" ><\/a>\n<div class=\"pt-cv-taxoterm above_title\"><a href='https:\/\/www.dmsjuridica.com\/buscador_20179478954\/corteconstitucionalcronologico202454587\/category\/buscar-en-toda-la-corte\/2001\/tutelas-2001\/' title='Tutelas 2001' class='pt-cv-tax-tutelas-2001'>Tutelas 2001<\/a><\/div>\n<h4 class=\"pt-cv-title\"><a href=\"https:\/\/www.dmsjuridica.com\/buscador_20179478954\/corteconstitucionalcronologico202454587\/t-878-01\/\" class=\"_self\" target=\"_self\" >T-878-01<\/a><\/h4>\n<div class=\"pt-cv-content\">\u00a0 \u00a0 Sentencia T-878\/01 \u00a0 DERECHO A LA SALUD DE PERSONA DE LA TERCERA EDAD-Suministro de medicamento excluido del POS \u00a0 JURISPRUDENCIA DE TUTELA EN SENTENCIA DE UNIFICACION-Cambio por declaratoria de inexequibilidad de ley \u00a0 La consecuencia l\u00f3gica de esa declaratoria de inexequibilidad de la citada Ley 508 de 1999, no puede ser otra distinta a la de que todos los planteamientos de la Corte Constitucional, referidos a la necesidad de cambiar la doctrina constitucional que hasta ese momento hab\u00eda edificado acerca del Plan Obligatorio de Salud y el suministro de medicamentos o la prestaci\u00f3n de servicios o procedimientos excluidos ...<br \/><div class=\"pt-cv-rmwrap\"><a href=\"https:\/\/www.dmsjuridica.com\/buscador_20179478954\/corteconstitucionalcronologico202454587\/t-878-01\/\" class=\"_self pt-cv-readmore btn btn-success\" target=\"_self\">Ver Sentencia Completa...<\/a><\/div><\/div><\/div><\/div>\n<div class=\"col-md-12 col-sm-12 col-xs-12 pt-cv-content-item pt-cv-1-col\" ><div class='pt-cv-ifield'><a href=\"https:\/\/www.dmsjuridica.com\/buscador_20179478954\/corteconstitucionalcronologico202454587\/t-877-01\/\" class=\"_self pt-cv-href-thumbnail pt-cv-thumb-default\" target=\"_self\" ><\/a>\n<div class=\"pt-cv-taxoterm above_title\"><a href='https:\/\/www.dmsjuridica.com\/buscador_20179478954\/corteconstitucionalcronologico202454587\/category\/buscar-en-toda-la-corte\/2001\/tutelas-2001\/' title='Tutelas 2001' class='pt-cv-tax-tutelas-2001'>Tutelas 2001<\/a><\/div>\n<h4 class=\"pt-cv-title\"><a href=\"https:\/\/www.dmsjuridica.com\/buscador_20179478954\/corteconstitucionalcronologico202454587\/t-877-01\/\" class=\"_self\" target=\"_self\" >T-877-01<\/a><\/h4>\n<div class=\"pt-cv-content\">\u00a0 \u00a0 Sentencia T-877\/01 \u00a0 DERECHO DE PETICION-Respuesta de fondo, clara y precisa \u00a0 DERECHO DE PETICION-N\u00facleo esencial \u00a0 DERECHO DE PETICION-Pronta resoluci\u00f3n equivale a quince d\u00edas mientras legislador fija t\u00e9rmino distinto \u00a0 Referencia: expediente T- 475.446 \u00a0 Acci\u00f3n de tutela instaurada por Edilberto Arguello Pulido contra Seguro Social Seccional Cundinamarca \u00a0 Procedencia: Juzgado 3 Laboral del Circuito de Bogot\u00e1 \u00a0 Magistrado Ponente: \u00a0 Dr. ALFREDO BELTRAN SIERRA \u00a0 Sentencia aprobada en Bogot\u00e1 D.C., a los diecis\u00e9is (16) d\u00edas del mes de agosto de dos mil uno (2001). \u00a0 La Sala Segunda de Revisi\u00f3n de la Corte Constitucional, integrada por ...<br \/><div class=\"pt-cv-rmwrap\"><a href=\"https:\/\/www.dmsjuridica.com\/buscador_20179478954\/corteconstitucionalcronologico202454587\/t-877-01\/\" class=\"_self pt-cv-readmore btn btn-success\" target=\"_self\">Ver Sentencia Completa...<\/a><\/div><\/div><\/div><\/div>\n<div class=\"col-md-12 col-sm-12 col-xs-12 pt-cv-content-item pt-cv-1-col\" ><div class='pt-cv-ifield'><a href=\"https:\/\/www.dmsjuridica.com\/buscador_20179478954\/corteconstitucionalcronologico202454587\/t-876-01\/\" class=\"_self pt-cv-href-thumbnail pt-cv-thumb-default\" target=\"_self\" ><\/a>\n<div class=\"pt-cv-taxoterm above_title\"><a href='https:\/\/www.dmsjuridica.com\/buscador_20179478954\/corteconstitucionalcronologico202454587\/category\/buscar-en-toda-la-corte\/2001\/tutelas-2001\/' title='Tutelas 2001' class='pt-cv-tax-tutelas-2001'>Tutelas 2001<\/a><\/div>\n<h4 class=\"pt-cv-title\"><a href=\"https:\/\/www.dmsjuridica.com\/buscador_20179478954\/corteconstitucionalcronologico202454587\/t-876-01\/\" class=\"_self\" target=\"_self\" >T-876-01<\/a><\/h4>\n<div class=\"pt-cv-content\">\u00a0 \u00a0 Sentencia T-876\/01 \u00a0 DERECHO A LA SALUD DEL NI\u00d1O- Tratamiento m\u00e9dico por quemaduras \u00a0 MEDIO DE DEFENSA JUDICIAL- Pago de dinero por costos m\u00e9dicos \u00a0 Referencia: expediente T-468.368 \u00a0 Acci\u00f3n de tutela instaurada por Ruth Centeno Vanegas, en representaci\u00f3n de su hija, Melisa Urr\u00e9a C., contra la EPS Servicio Occidental de Salud S.A.\u00a0 \u00a0 Magistrado Ponente: \u00a0 Dr. ALFREDO BELTR\u00c1N SIERRA. \u00a0 Bogot\u00e1, D.C., diez y seis (16) de agosto de dos mil uno (2001). \u00a0 La Sala Segunda de Revisi\u00f3n de la Corte Constitucional, en ejercicio de sus competencias constitucionales y legales, ha proferido la siguiente\u00a0 \u00a0 ...<br \/><div class=\"pt-cv-rmwrap\"><a href=\"https:\/\/www.dmsjuridica.com\/buscador_20179478954\/corteconstitucionalcronologico202454587\/t-876-01\/\" class=\"_self pt-cv-readmore btn btn-success\" target=\"_self\">Ver Sentencia Completa...<\/a><\/div><\/div><\/div><\/div>\n<div class=\"col-md-12 col-sm-12 col-xs-12 pt-cv-content-item pt-cv-1-col\" ><div class='pt-cv-ifield'><a href=\"https:\/\/www.dmsjuridica.com\/buscador_20179478954\/corteconstitucionalcronologico202454587\/t-875-01\/\" class=\"_self pt-cv-href-thumbnail pt-cv-thumb-default\" target=\"_self\" ><\/a>\n<div class=\"pt-cv-taxoterm above_title\"><a href='https:\/\/www.dmsjuridica.com\/buscador_20179478954\/corteconstitucionalcronologico202454587\/category\/buscar-en-toda-la-corte\/2001\/tutelas-2001\/' title='Tutelas 2001' class='pt-cv-tax-tutelas-2001'>Tutelas 2001<\/a><\/div>\n<h4 class=\"pt-cv-title\"><a href=\"https:\/\/www.dmsjuridica.com\/buscador_20179478954\/corteconstitucionalcronologico202454587\/t-875-01\/\" class=\"_self\" target=\"_self\" >T-875-01<\/a><\/h4>\n<div class=\"pt-cv-content\">\u00a0 \u00a0 Sentencia T-875\/01 \u00a0 DERECHOS DE PERSONAS DE LA TERCERA EDAD-Relaci\u00f3n laboral \u00a0 ACCION DE TUTELA-Improcedencia general sobre controversias laborales\/DERECHO A LA VIDA Y SUBSISTENCIA DE PERSONA DE TERCERA EDAD-Indefensi\u00f3n\/ACCION DE TUTELA TRANSITORIA-Protecci\u00f3n derechos de persona de la tercera edad \u00a0 -Reiteraci\u00f3n de Jurisprudencia- \u00a0 Referencia: expediente T-450705 \u00a0 Acci\u00f3n de tutela instaurada por Francisco Javier Peluffo M\u00e9ndez contra Libardo Corrales S\u00e1nchez.\u00a0 \u00a0 Magistrado Ponente: \u00a0 ALVARO TAFUR GALVIS. \u00a0 Bogot\u00e1 D. C., diecis\u00e9is (16) de agosto del a\u00f1o dos mil uno (2001). \u00a0 La Sala Octava de Revisi\u00f3n de la Corte Constitucional, en ejercicio de sus competencias constitucionales ...<br \/><div class=\"pt-cv-rmwrap\"><a href=\"https:\/\/www.dmsjuridica.com\/buscador_20179478954\/corteconstitucionalcronologico202454587\/t-875-01\/\" class=\"_self pt-cv-readmore btn btn-success\" target=\"_self\">Ver Sentencia Completa...<\/a><\/div><\/div><\/div><\/div>\n<div class=\"col-md-12 col-sm-12 col-xs-12 pt-cv-content-item pt-cv-1-col\" ><div class='pt-cv-ifield'><a href=\"https:\/\/www.dmsjuridica.com\/buscador_20179478954\/corteconstitucionalcronologico202454587\/t-874-01\/\" class=\"_self pt-cv-href-thumbnail pt-cv-thumb-default\" target=\"_self\" ><\/a>\n<div class=\"pt-cv-taxoterm above_title\"><a href='https:\/\/www.dmsjuridica.com\/buscador_20179478954\/corteconstitucionalcronologico202454587\/category\/buscar-en-toda-la-corte\/2001\/tutelas-2001\/' title='Tutelas 2001' class='pt-cv-tax-tutelas-2001'>Tutelas 2001<\/a><\/div>\n<h4 class=\"pt-cv-title\"><a href=\"https:\/\/www.dmsjuridica.com\/buscador_20179478954\/corteconstitucionalcronologico202454587\/t-874-01\/\" class=\"_self\" target=\"_self\" >T-874-01<\/a><\/h4>\n<div class=\"pt-cv-content\">\u00a0 \u00a0 Sentencia T-874\/01 \u00a0 ACCION DE TUTELA CONTRA PARTICULARES-Indefensi\u00f3n \u00a0 La Corte ya ha sido enf\u00e1tica en manifestar que de acuerdo con la ley, s\u00f3lo en casos especiales, la tutela procede contra particulares, entre ellos, cuando la \u00a0persona afectada se encuentra en estado de indefensi\u00f3n frente a quien se predica la vulneraci\u00f3n de un derecho fundamental, es decir, respecto de quien comete la conducta que se acusa. \u00a0As\u00ed mismo, se predica la indefensi\u00f3n de una persona, cuando \u00e9sta acude a la autoridad p\u00fablica a fin de salvaguardar un derecho suyo y no encuentra de ella respuesta oportuna, eficaz e ...<br \/><div class=\"pt-cv-rmwrap\"><a href=\"https:\/\/www.dmsjuridica.com\/buscador_20179478954\/corteconstitucionalcronologico202454587\/t-874-01\/\" class=\"_self pt-cv-readmore btn btn-success\" target=\"_self\">Ver Sentencia Completa...<\/a><\/div><\/div><\/div><\/div>\n<div class=\"col-md-12 col-sm-12 col-xs-12 pt-cv-content-item pt-cv-1-col\" ><div class='pt-cv-ifield'><a href=\"https:\/\/www.dmsjuridica.com\/buscador_20179478954\/corteconstitucionalcronologico202454587\/t-873-01\/\" class=\"_self pt-cv-href-thumbnail pt-cv-thumb-default\" target=\"_self\" ><\/a>\n<div class=\"pt-cv-taxoterm above_title\"><a href='https:\/\/www.dmsjuridica.com\/buscador_20179478954\/corteconstitucionalcronologico202454587\/category\/buscar-en-toda-la-corte\/2001\/tutelas-2001\/' title='Tutelas 2001' class='pt-cv-tax-tutelas-2001'>Tutelas 2001<\/a><\/div>\n<h4 class=\"pt-cv-title\"><a href=\"https:\/\/www.dmsjuridica.com\/buscador_20179478954\/corteconstitucionalcronologico202454587\/t-873-01\/\" class=\"_self\" target=\"_self\" >T-873-01<\/a><\/h4>\n<div class=\"pt-cv-content\">\u00a0 \u00a0 Sentencia T-873\/01 \u00a0 ACCION DE TUTELA-Car\u00e1cter excepcional \u00a0 ACCION DE TUTELA-Hecho consumado \u00a0 ACCION DE TUTELA-Hecho consumado por cumplimiento de sanci\u00f3n disciplinaria \u00a0 La sanci\u00f3n de destituci\u00f3n y la inhabilidad de cinco (5) a\u00f1os para ocupar cargos p\u00fablicos, se ejecut\u00f3 mediante el decreto No. 151 del 8 de octubre de 1990. Con lo cual el cumplimiento de la inhabilidad termin\u00f3 el d\u00eda 8 de octubre de 1995, es decir hace ya casi seis (6) a\u00f1os. En este orden de ideas al haberse cumplido en su integridad la sanci\u00f3n impuesta al \u00a0actor no tiene objeto la solicitud de amparo ...<br \/><div class=\"pt-cv-rmwrap\"><a href=\"https:\/\/www.dmsjuridica.com\/buscador_20179478954\/corteconstitucionalcronologico202454587\/t-873-01\/\" class=\"_self pt-cv-readmore btn btn-success\" target=\"_self\">Ver Sentencia Completa...<\/a><\/div><\/div><\/div><\/div>\n<div class=\"col-md-12 col-sm-12 col-xs-12 pt-cv-content-item pt-cv-1-col\" ><div class='pt-cv-ifield'><a href=\"https:\/\/www.dmsjuridica.com\/buscador_20179478954\/corteconstitucionalcronologico202454587\/t-872-01\/\" class=\"_self pt-cv-href-thumbnail pt-cv-thumb-default\" target=\"_self\" ><\/a>\n<div class=\"pt-cv-taxoterm above_title\"><a href='https:\/\/www.dmsjuridica.com\/buscador_20179478954\/corteconstitucionalcronologico202454587\/category\/buscar-en-toda-la-corte\/2001\/tutelas-2001\/' title='Tutelas 2001' class='pt-cv-tax-tutelas-2001'>Tutelas 2001<\/a><\/div>\n<h4 class=\"pt-cv-title\"><a href=\"https:\/\/www.dmsjuridica.com\/buscador_20179478954\/corteconstitucionalcronologico202454587\/t-872-01\/\" class=\"_self\" target=\"_self\" >T-872-01<\/a><\/h4>\n<div class=\"pt-cv-content\">\u00a0 \u00a0 Sentencia T-872\/01 \u00a0 CREDITO HIPOTECARIO-Renuncia a beneficios del gobierno por titular del cr\u00e9dito\/CREDITO HIPOTECARIO-Cumplimiento de requisitos para subrogaci\u00f3n de hipoteca \u00a0 El demandante cuenta con procedimientos administrativos y judiciales id\u00f3neos a la discusi\u00f3n de sus pretensiones, esto es, atinentes a la subrogaci\u00f3n y reliquidaci\u00f3n del cr\u00e9dito a su cargo, no siendo dable al juez de tutela ocuparse del examen y decisi\u00f3n de tales asuntos por resultar extra\u00f1os a su resorte constitucional. Pues en todo caso, el principio de legalidad y los factores de competencia as\u00ed lo indican sin dubitaci\u00f3n alguna. \u00a0Con todo, es del caso aclarar que si ...<br \/><div class=\"pt-cv-rmwrap\"><a href=\"https:\/\/www.dmsjuridica.com\/buscador_20179478954\/corteconstitucionalcronologico202454587\/t-872-01\/\" class=\"_self pt-cv-readmore btn btn-success\" target=\"_self\">Ver Sentencia Completa...<\/a><\/div><\/div><\/div><\/div>\n<div class=\"col-md-12 col-sm-12 col-xs-12 pt-cv-content-item pt-cv-1-col\" ><div class='pt-cv-ifield'><a href=\"https:\/\/www.dmsjuridica.com\/buscador_20179478954\/corteconstitucionalcronologico202454587\/t-871-01\/\" class=\"_self pt-cv-href-thumbnail pt-cv-thumb-default\" target=\"_self\" ><\/a>\n<div class=\"pt-cv-taxoterm above_title\"><a href='https:\/\/www.dmsjuridica.com\/buscador_20179478954\/corteconstitucionalcronologico202454587\/category\/buscar-en-toda-la-corte\/2001\/tutelas-2001\/' title='Tutelas 2001' class='pt-cv-tax-tutelas-2001'>Tutelas 2001<\/a><\/div>\n<h4 class=\"pt-cv-title\"><a href=\"https:\/\/www.dmsjuridica.com\/buscador_20179478954\/corteconstitucionalcronologico202454587\/t-871-01\/\" class=\"_self\" target=\"_self\" >T-871-01<\/a><\/h4>\n<div class=\"pt-cv-content\">\u00a0 \u00a0 Sentencia T-871\/01 \u00a0 VIA DE HECHO EN SENTENCIA-Principio donde \u00a0hay una misma raz\u00f3n debe existir una misma decisi\u00f3n \u00a0 La revisi\u00f3n de una providencia por parte del juez de tutela s\u00f3lo procede excepcionalmente, si se demuestra que ella es manifiestamente irracional y que la decisi\u00f3n carece de fundamentos objetivos y s\u00f3lo obedece al capricho y arbitrariedad del juez de conocimiento. Es posible concluir que no existe una v\u00eda de hecho porque el juez de conocimiento apoya su decisi\u00f3n en la prueba documental requerida para declarar el pago de la indexaci\u00f3n, que para uno de los casos se allega ...<br \/><div class=\"pt-cv-rmwrap\"><a href=\"https:\/\/www.dmsjuridica.com\/buscador_20179478954\/corteconstitucionalcronologico202454587\/t-871-01\/\" class=\"_self pt-cv-readmore btn btn-success\" target=\"_self\">Ver Sentencia Completa...<\/a><\/div><\/div><\/div><\/div>\n<div class=\"col-md-12 col-sm-12 col-xs-12 pt-cv-content-item pt-cv-1-col\" ><div class='pt-cv-ifield'><a href=\"https:\/\/www.dmsjuridica.com\/buscador_20179478954\/corteconstitucionalcronologico202454587\/t-870-01\/\" class=\"_self pt-cv-href-thumbnail pt-cv-thumb-default\" target=\"_self\" ><\/a>\n<div class=\"pt-cv-taxoterm above_title\"><a href='https:\/\/www.dmsjuridica.com\/buscador_20179478954\/corteconstitucionalcronologico202454587\/category\/buscar-en-toda-la-corte\/2001\/tutelas-2001\/' title='Tutelas 2001' class='pt-cv-tax-tutelas-2001'>Tutelas 2001<\/a><\/div>\n<h4 class=\"pt-cv-title\"><a href=\"https:\/\/www.dmsjuridica.com\/buscador_20179478954\/corteconstitucionalcronologico202454587\/t-870-01\/\" class=\"_self\" target=\"_self\" >T-870-01<\/a><\/h4>\n<div class=\"pt-cv-content\">\u00a0 \u00a0 Sentencia T-870\/01 \u00a0 ACCION DE TUTELA-Hecho superado por continuaci\u00f3n de tratamiento de quimioterapia \u00a0 Reiteraci\u00f3n de jurisprudencia \u00a0 Referencia: expediente T-414604\u00a0 \u00a0 Acci\u00f3n de tutela instaurada por Reinaldo Quiroga Ariza contra el Seguro Social.\u00a0 \u00a0 Magistrado Ponente: \u00a0 Dr. JAIME C\u00d3RDOBA TRIVI\u00d1O \u00a0 La Sala Cuarta de Revisi\u00f3n de la Corte Constitucional, en ejercicio de sus competencias constitucionales y legales, espec\u00edficamente las previstas en los art\u00edculos 86 y 241 numeral 9 de la Constituci\u00f3n Pol\u00edtica y en el Decreto 2591 de 1991, ha proferido la siguiente \u00a0 SENTENCIA \u00a0 en el proceso de revisi\u00f3n de los fallos dictados ...<br \/><div class=\"pt-cv-rmwrap\"><a href=\"https:\/\/www.dmsjuridica.com\/buscador_20179478954\/corteconstitucionalcronologico202454587\/t-870-01\/\" class=\"_self pt-cv-readmore btn btn-success\" target=\"_self\">Ver Sentencia Completa...<\/a><\/div><\/div><\/div><\/div>\n<div class=\"col-md-12 col-sm-12 col-xs-12 pt-cv-content-item pt-cv-1-col\" ><div class='pt-cv-ifield'><a href=\"https:\/\/www.dmsjuridica.com\/buscador_20179478954\/corteconstitucionalcronologico202454587\/t-857-01\/\" class=\"_self pt-cv-href-thumbnail pt-cv-thumb-default\" target=\"_self\" ><\/a>\n<div class=\"pt-cv-taxoterm above_title\"><a href='https:\/\/www.dmsjuridica.com\/buscador_20179478954\/corteconstitucionalcronologico202454587\/category\/buscar-en-toda-la-corte\/2001\/tutelas-2001\/' title='Tutelas 2001' class='pt-cv-tax-tutelas-2001'>Tutelas 2001<\/a><\/div>\n<h4 class=\"pt-cv-title\"><a href=\"https:\/\/www.dmsjuridica.com\/buscador_20179478954\/corteconstitucionalcronologico202454587\/t-857-01\/\" class=\"_self\" target=\"_self\" >T-857-01<\/a><\/h4>\n<div class=\"pt-cv-content\">\u00a0 \u00a0 Sentencia T-857\/01 \u00a0 DERECHO AL PAGO OPORTUNO DEL SALARIO-Fundamental \u00a0 SALARIO-Sumas que deben integrarse para efectos del significado y pago oportuno\/DERECHO AL MINIMO VITAL DEL TRABAJADOR-Pago oportuno de salarios \u00a0 ACCION DE TUTELA-Pago de salarios aun cuando ya no exista vinculaci\u00f3n con la empresa \u00a0 DERECHO AL MINIMO VITAL DEL TRABAJADOR-Presunci\u00f3n de afectaci\u00f3n por ausencia prolongada en pago de salarios \u00a0 EMPLEADOR-Situaci\u00f3n econ\u00f3mica o presupuestal no es \u00f3bice para desconocer pago de salarios \u00a0 Referencia: expediente T-422835 \u00a0 Acci\u00f3n de tutela instaurada por Rafael M. Felfle Guerra contra la Asamblea Departamental de Atl\u00e1ntico, Tesorer\u00eda de la Asamblea Departamental ...<br \/><div class=\"pt-cv-rmwrap\"><a href=\"https:\/\/www.dmsjuridica.com\/buscador_20179478954\/corteconstitucionalcronologico202454587\/t-857-01\/\" class=\"_self pt-cv-readmore btn btn-success\" target=\"_self\">Ver Sentencia Completa...<\/a><\/div><\/div><\/div><\/div>\n<div class=\"col-md-12 col-sm-12 col-xs-12 pt-cv-content-item pt-cv-1-col\" ><div class='pt-cv-ifield'><a href=\"https:\/\/www.dmsjuridica.com\/buscador_20179478954\/corteconstitucionalcronologico202454587\/t-856-01\/\" class=\"_self pt-cv-href-thumbnail pt-cv-thumb-default\" target=\"_self\" ><\/a>\n<div class=\"pt-cv-taxoterm above_title\"><a href='https:\/\/www.dmsjuridica.com\/buscador_20179478954\/corteconstitucionalcronologico202454587\/category\/buscar-en-toda-la-corte\/2001\/tutelas-2001\/' title='Tutelas 2001' class='pt-cv-tax-tutelas-2001'>Tutelas 2001<\/a><\/div>\n<h4 class=\"pt-cv-title\"><a href=\"https:\/\/www.dmsjuridica.com\/buscador_20179478954\/corteconstitucionalcronologico202454587\/t-856-01\/\" class=\"_self\" target=\"_self\" >T-856-01<\/a><\/h4>\n<div class=\"pt-cv-content\">\u00a0 \u00a0 Sentencia T-856\/01 \u00a0 ACCION DE TUTELA-Hecho superado \u00a0 Referencia: expediente T-396879 \u00a0 \u00a0 \u00a0 \u00a0 \u00a0 \u00a0\u00a0 \u00a0 Acci\u00f3n de tutela instaurada por Carlos Alirio Estupi\u00f1\u00e1n Estupi\u00f1\u00e1n contra el Instituto Colombiano de la Reforma Agraria (INCORA). \u00a0 Magistrado Ponente:\u00a0 \u00a0 Dr. RODRIGO ESCOBAR GIL. \u00a0 Bogot\u00e1, D.C., \u00a0catorce (14) de agosto \u00a0de dos mil uno (2001). \u00a0 La Sala Quinta de Revisi\u00f3n de la Corte Constitucional, integrada por los Magistrados Rodrigo Escobar Gil, presidente, Marco Gerardo Monroy Cabra y Eduardo Montealegre Lynett, en ejercicio de sus competencias constitucionales y legales, ha pronunciado la siguiente \u00a0 SENTENCIA \u00a0 Dentro ...<br \/><div class=\"pt-cv-rmwrap\"><a href=\"https:\/\/www.dmsjuridica.com\/buscador_20179478954\/corteconstitucionalcronologico202454587\/t-856-01\/\" class=\"_self pt-cv-readmore btn btn-success\" target=\"_self\">Ver Sentencia Completa...<\/a><\/div><\/div><\/div><\/div>\n<div class=\"col-md-12 col-sm-12 col-xs-12 pt-cv-content-item pt-cv-1-col\" ><div class='pt-cv-ifield'><a href=\"https:\/\/www.dmsjuridica.com\/buscador_20179478954\/corteconstitucionalcronologico202454587\/t-855-01\/\" class=\"_self pt-cv-href-thumbnail pt-cv-thumb-default\" target=\"_self\" ><\/a>\n<div class=\"pt-cv-taxoterm above_title\"><a href='https:\/\/www.dmsjuridica.com\/buscador_20179478954\/corteconstitucionalcronologico202454587\/category\/buscar-en-toda-la-corte\/2001\/tutelas-2001\/' title='Tutelas 2001' class='pt-cv-tax-tutelas-2001'>Tutelas 2001<\/a><\/div>\n<h4 class=\"pt-cv-title\"><a href=\"https:\/\/www.dmsjuridica.com\/buscador_20179478954\/corteconstitucionalcronologico202454587\/t-855-01\/\" class=\"_self\" target=\"_self\" >T-855-01<\/a><\/h4>\n<div class=\"pt-cv-content\">\u00a0 \u00a0 Sentencia T-855\/01 \u00a0 ACCION DE TUTELA-Procedencia excepcional pago de acreencias laborales \u00a0 DERECHO AL MINIMO VITAL DEL TRABAJADOR-Pago oportuno de salarios \u00a0 MUNICIPIO-Situaci\u00f3n econ\u00f3mica o presupuestal no es \u00f3bice para desconocer obligaciones laborales \u00a0 Reiteraci\u00f3n de Jurisprudencia \u00a0 Referencia: expediente T-471522 \u00a0 Acci\u00f3n de tutela instaurada por Antonio Sarmiento Almeida contra el Alcalde Municipal de Soplaviento -Bol\u00edvar-. \u00a0 Magistrado Ponente: \u00a0 Dr. RODRIGO ESCOBAR GIL \u00a0 Bogot\u00e1, D.C., a los catorce (14) d\u00edas del mes de agosto de dos mil uno (2001). \u00a0 La Sala Quinta de la Corte Constitucional, en ejercicio de sus competencias constitucionales y legales, ...<br \/><div class=\"pt-cv-rmwrap\"><a href=\"https:\/\/www.dmsjuridica.com\/buscador_20179478954\/corteconstitucionalcronologico202454587\/t-855-01\/\" class=\"_self pt-cv-readmore btn btn-success\" target=\"_self\">Ver Sentencia Completa...<\/a><\/div><\/div><\/div><\/div>\n<div class=\"col-md-12 col-sm-12 col-xs-12 pt-cv-content-item pt-cv-1-col\" ><div class='pt-cv-ifield'><a href=\"https:\/\/www.dmsjuridica.com\/buscador_20179478954\/corteconstitucionalcronologico202454587\/t-854-01\/\" class=\"_self pt-cv-href-thumbnail pt-cv-thumb-default\" target=\"_self\" ><\/a>\n<div class=\"pt-cv-taxoterm above_title\"><a href='https:\/\/www.dmsjuridica.com\/buscador_20179478954\/corteconstitucionalcronologico202454587\/category\/buscar-en-toda-la-corte\/2001\/tutelas-2001\/' title='Tutelas 2001' class='pt-cv-tax-tutelas-2001'>Tutelas 2001<\/a><\/div>\n<h4 class=\"pt-cv-title\"><a href=\"https:\/\/www.dmsjuridica.com\/buscador_20179478954\/corteconstitucionalcronologico202454587\/t-854-01\/\" class=\"_self\" target=\"_self\" >T-854-01<\/a><\/h4>\n<div class=\"pt-cv-content\">\u00a0 \u00a0 Sentencia T-854\/01 \u00a0 BONOS PENSIONALES-Procedencia de tutela para reclamar la remisi\u00f3n \u00a0 BONOS PENSIONALES-Demora en la emisi\u00f3n afecta derechos fundamentales\/BONOS PENSIONALES-Pronta tramitaci\u00f3n \u00a0 VIA DE HECHO-Se niega pensi\u00f3n por demora en emisi\u00f3n del bono\u00a0 \u00a0 EMPLEADOR-Situaci\u00f3n econ\u00f3mica o presupuestal no es \u00f3bice para desconocer obligaciones laborales \u00a0 AUTORIDAD ADMINISTRATIVA-Actuaciones se hacen en cumplimiento de obligaciones institucionales y no pensionales \u00a0 Reiteraci\u00f3n de Jurisprudencia \u00a0 Acci\u00f3n de tutela instaurada por Esther Valencia Vargas contra el Municipio de Palestina (Caldas). \u00a0 Magistrado ponente: \u00a0 Dr. RODRIGO ESCOBAR GIL \u00a0 Bogot\u00e1, D.C., a los catorce (14) d\u00edas del mes de agosto ...<br \/><div class=\"pt-cv-rmwrap\"><a href=\"https:\/\/www.dmsjuridica.com\/buscador_20179478954\/corteconstitucionalcronologico202454587\/t-854-01\/\" class=\"_self pt-cv-readmore btn btn-success\" target=\"_self\">Ver Sentencia Completa...<\/a><\/div><\/div><\/div><\/div>\n<div class=\"col-md-12 col-sm-12 col-xs-12 pt-cv-content-item pt-cv-1-col\" ><div class='pt-cv-ifield'><a href=\"https:\/\/www.dmsjuridica.com\/buscador_20179478954\/corteconstitucionalcronologico202454587\/t-853-01\/\" class=\"_self pt-cv-href-thumbnail pt-cv-thumb-default\" target=\"_self\" ><\/a>\n<div class=\"pt-cv-taxoterm above_title\"><a href='https:\/\/www.dmsjuridica.com\/buscador_20179478954\/corteconstitucionalcronologico202454587\/category\/buscar-en-toda-la-corte\/2001\/tutelas-2001\/' title='Tutelas 2001' class='pt-cv-tax-tutelas-2001'>Tutelas 2001<\/a><\/div>\n<h4 class=\"pt-cv-title\"><a href=\"https:\/\/www.dmsjuridica.com\/buscador_20179478954\/corteconstitucionalcronologico202454587\/t-853-01\/\" class=\"_self\" target=\"_self\" >T-853-01<\/a><\/h4>\n<div class=\"pt-cv-content\">\u00a0 \u00a0 Sentencia T-853\/01 \u00a0 ACCION DE TUTELA-Hecho superado por realizaci\u00f3n de cirug\u00eda \u00a0 Reiteraci\u00f3n de Jurisprudencia \u00a0 Referencia: expediente T- \u00a0 444490 \u00a0 Acci\u00f3n de tutela instaurada por Jos\u00e9 de Jes\u00fas Cardona Montoya contra SUSALUD EPS. \u00a0 Magistrado Ponente: \u00a0 Dr. RODRIGO ESCOBAR GIL \u00a0 Bogot\u00e1, D.C., a los catorce (14) d\u00edas del mes de agosto de dos mil uno (2001). \u00a0 La Sala Quinta de revisi\u00f3n de la Corte Constitucional, en ejercicio de sus competencias constitucionales y legales, en particular las contenidas en los art\u00edculos 86 y 241, numeral 9, de la Constituci\u00f3n y el Decreto 2591 de ...<br \/><div class=\"pt-cv-rmwrap\"><a href=\"https:\/\/www.dmsjuridica.com\/buscador_20179478954\/corteconstitucionalcronologico202454587\/t-853-01\/\" class=\"_self pt-cv-readmore btn btn-success\" target=\"_self\">Ver Sentencia Completa...<\/a><\/div><\/div><\/div><\/div>\n<div class=\"col-md-12 col-sm-12 col-xs-12 pt-cv-content-item pt-cv-1-col\" ><div class='pt-cv-ifield'><a href=\"https:\/\/www.dmsjuridica.com\/buscador_20179478954\/corteconstitucionalcronologico202454587\/t-852-01\/\" class=\"_self pt-cv-href-thumbnail pt-cv-thumb-default\" target=\"_self\" ><\/a>\n<div class=\"pt-cv-taxoterm above_title\"><a href='https:\/\/www.dmsjuridica.com\/buscador_20179478954\/corteconstitucionalcronologico202454587\/category\/buscar-en-toda-la-corte\/2001\/tutelas-2001\/' title='Tutelas 2001' class='pt-cv-tax-tutelas-2001'>Tutelas 2001<\/a><\/div>\n<h4 class=\"pt-cv-title\"><a href=\"https:\/\/www.dmsjuridica.com\/buscador_20179478954\/corteconstitucionalcronologico202454587\/t-852-01\/\" class=\"_self\" target=\"_self\" >T-852-01<\/a><\/h4>\n<div class=\"pt-cv-content\">\u00a0 \u00a0 Sentencia T-852\/01 \u00a0 DERECHO AL PAGO OPORTUNO DEL SALARIO-Fundamental\/DERECHO AL MINIMO VITAL DEL TRABAJADOR-Presunci\u00f3n de afectaci\u00f3n por ausencia prolongada en pago de salarios \u00a0 EMPLEADOR-Situaci\u00f3n econ\u00f3mica o presupuestal no es \u00f3bice para desconocer pago de salarios \u00a0 Referencia: expedientes T-471.901, T-471.917, T.471.918, T-471.919, T-472.809. \u00a0 Acciones de tutela instauradas por \u00a0Rafael Jos\u00e9 O\u00f1ate \u00c1lvarez, Obeth de Jes\u00fas Petit Jim\u00e9nez, \u00a0Alcides Jos\u00e9 Cuello Cuello, Edith Mercedes Manjares Vega, y Nelson Narciso Barrios Guzm\u00e1n. \u00a0 Procedencia: Tribunal Superior del distrito Judicial de Riohacha, Sala Civil, Familia, Laboral. \u00a0 Dr. ALFREDO BELTR\u00c1N SIERRA. \u00a0 Sentencia aprobada en Bogot\u00e1, D.C., a los ...<br \/><div class=\"pt-cv-rmwrap\"><a href=\"https:\/\/www.dmsjuridica.com\/buscador_20179478954\/corteconstitucionalcronologico202454587\/t-852-01\/\" class=\"_self pt-cv-readmore btn btn-success\" target=\"_self\">Ver Sentencia Completa...<\/a><\/div><\/div><\/div><\/div>\n<div class=\"col-md-12 col-sm-12 col-xs-12 pt-cv-content-item pt-cv-1-col\" ><div class='pt-cv-ifield'><a href=\"https:\/\/www.dmsjuridica.com\/buscador_20179478954\/corteconstitucionalcronologico202454587\/t-851-01\/\" class=\"_self pt-cv-href-thumbnail pt-cv-thumb-default\" target=\"_self\" ><\/a>\n<div class=\"pt-cv-taxoterm above_title\"><a href='https:\/\/www.dmsjuridica.com\/buscador_20179478954\/corteconstitucionalcronologico202454587\/category\/buscar-en-toda-la-corte\/2001\/tutelas-2001\/' title='Tutelas 2001' class='pt-cv-tax-tutelas-2001'>Tutelas 2001<\/a><\/div>\n<h4 class=\"pt-cv-title\"><a href=\"https:\/\/www.dmsjuridica.com\/buscador_20179478954\/corteconstitucionalcronologico202454587\/t-851-01\/\" class=\"_self\" target=\"_self\" >T-851-01<\/a><\/h4>\n<div class=\"pt-cv-content\">\u00a0 \u00a0 Sentencia T-851\/01 \u00a0 SERVICIOS PUBLICOS DOMICILIARIOS-Caracter\u00edsticas y finalidades \u00a0 SERVICIOS PUBLICOS DOMICILIARIOS-Limitaciones no conducen a un perjuicio irremediable \u00a0 ACCION DE TUTELA CONTRA LA COMISION DE REGULACION DE ENERGIA Y GAS-Improcedencia \u00a0 LEGITIMACION POR PASIVA EN TUTELA-Indebida designaci\u00f3n del demandado \u00a0 Referencia: expedientes T-467.452; T- 467.762; T-467.775; y, T-467.776, acumulados entre s\u00ed. \u00a0 Acciones de tutela instauradas as\u00ed : Expediente T- 467.452, acci\u00f3n presentada por Roberto Perea Agualimpia y otros contra Interconexi\u00f3n El\u00e9ctrica S.A. y la Comisi\u00f3n de Regulaci\u00f3n de Energ\u00eda y Gas; Expediente T- 467.762, acci\u00f3n presentada por Castor Rodolfo Mosquera C\u00f3rdoba contra la Electrificadora del Choc\u00f3; ...<br \/><div class=\"pt-cv-rmwrap\"><a href=\"https:\/\/www.dmsjuridica.com\/buscador_20179478954\/corteconstitucionalcronologico202454587\/t-851-01\/\" class=\"_self pt-cv-readmore btn btn-success\" target=\"_self\">Ver Sentencia Completa...<\/a><\/div><\/div><\/div><\/div>\n<div class=\"col-md-12 col-sm-12 col-xs-12 pt-cv-content-item pt-cv-1-col\" ><div class='pt-cv-ifield'><a href=\"https:\/\/www.dmsjuridica.com\/buscador_20179478954\/corteconstitucionalcronologico202454587\/t-850-01\/\" class=\"_self pt-cv-href-thumbnail pt-cv-thumb-default\" target=\"_self\" ><\/a>\n<div class=\"pt-cv-taxoterm above_title\"><a href='https:\/\/www.dmsjuridica.com\/buscador_20179478954\/corteconstitucionalcronologico202454587\/category\/buscar-en-toda-la-corte\/2001\/tutelas-2001\/' title='Tutelas 2001' class='pt-cv-tax-tutelas-2001'>Tutelas 2001<\/a><\/div>\n<h4 class=\"pt-cv-title\"><a href=\"https:\/\/www.dmsjuridica.com\/buscador_20179478954\/corteconstitucionalcronologico202454587\/t-850-01\/\" class=\"_self\" target=\"_self\" >T-850-01<\/a><\/h4>\n<div class=\"pt-cv-content\">DERECHO A LA SALUD DEL NI\u00d1O-Cirug\u00eda de ojo\/DERECHO A LA SALUD DEL NI\u00d1O-Realizaci\u00f3n de cirug\u00eda sin cumplir periodo m\u00ednimo de cotizaci\u00f3n \u00a0 En conclusi\u00f3n, se afectan los derechos constitucionales fundamentales de un menor cuando, como ocurre en el presente caso, se le niegan tratamientos \u00a0ordenados por el m\u00e9dico tratante, tales como: \u201cExtracci\u00f3n de catarata, implante de lente intraocular, vitectrom\u00eda anterior, sutura de herida de cornea y sinequiotom\u00eda de ojo izquierdo\u201d; tratamientos indispensables para enfrentar lesiones sufridas por ese ni\u00f1o menor de dos a\u00f1os. En cuanto al n\u00famero de semanas cotizadas, que como es sabido influyen en la prestaci\u00f3n de ciertos ...<br \/><div class=\"pt-cv-rmwrap\"><a href=\"https:\/\/www.dmsjuridica.com\/buscador_20179478954\/corteconstitucionalcronologico202454587\/t-850-01\/\" class=\"_self pt-cv-readmore btn btn-success\" target=\"_self\">Ver Sentencia Completa...<\/a><\/div><\/div><\/div><\/div>\n<div class=\"col-md-12 col-sm-12 col-xs-12 pt-cv-content-item pt-cv-1-col\" ><div class='pt-cv-ifield'><a href=\"https:\/\/www.dmsjuridica.com\/buscador_20179478954\/corteconstitucionalcronologico202454587\/t-849-01\/\" class=\"_self pt-cv-href-thumbnail pt-cv-thumb-default\" target=\"_self\" ><\/a>\n<div class=\"pt-cv-taxoterm above_title\"><a href='https:\/\/www.dmsjuridica.com\/buscador_20179478954\/corteconstitucionalcronologico202454587\/category\/buscar-en-toda-la-corte\/2001\/tutelas-2001\/' title='Tutelas 2001' class='pt-cv-tax-tutelas-2001'>Tutelas 2001<\/a><\/div>\n<h4 class=\"pt-cv-title\"><a href=\"https:\/\/www.dmsjuridica.com\/buscador_20179478954\/corteconstitucionalcronologico202454587\/t-849-01\/\" class=\"_self\" target=\"_self\" >T-849-01<\/a><\/h4>\n<div class=\"pt-cv-content\">\u00a0 \u00a0 Sentencia T-849\/01 \u00a0 DERECHO A LA SALUD DEL ENFERMO DE SIDA-Realizaci\u00f3n examen de carga viral\/DERECHO A LA SALUD DEL ENFERMO DE SIDA-Examen de carga viral fundamental para tratamiento del sida \u00a0 En el caso del tratamiento a pacientes portadores de VIH, seg\u00fan los conceptos t\u00e9cnico-m\u00e9dicos, el examen de carga viral es el m\u00e1s id\u00f3neo para tomar la decisi\u00f3n de iniciar o no la formulaci\u00f3n de antirretrovirales, corroborar si el tratamiento que le est\u00e1 siendo suministrado al paciente es efectivo o no y optar por continuar con el tratamiento anti VIH que est\u00e1 siendo suministrado o cambiarlo. Estas decisiones ...<br \/><div class=\"pt-cv-rmwrap\"><a href=\"https:\/\/www.dmsjuridica.com\/buscador_20179478954\/corteconstitucionalcronologico202454587\/t-849-01\/\" class=\"_self pt-cv-readmore btn btn-success\" target=\"_self\">Ver Sentencia Completa...<\/a><\/div><\/div><\/div><\/div>\n<div class=\"col-md-12 col-sm-12 col-xs-12 pt-cv-content-item pt-cv-1-col\" ><div class='pt-cv-ifield'><a href=\"https:\/\/www.dmsjuridica.com\/buscador_20179478954\/corteconstitucionalcronologico202454587\/t-848-01\/\" class=\"_self pt-cv-href-thumbnail pt-cv-thumb-default\" target=\"_self\" ><\/a>\n<div class=\"pt-cv-taxoterm above_title\"><a href='https:\/\/www.dmsjuridica.com\/buscador_20179478954\/corteconstitucionalcronologico202454587\/category\/buscar-en-toda-la-corte\/2001\/tutelas-2001\/' title='Tutelas 2001' class='pt-cv-tax-tutelas-2001'>Tutelas 2001<\/a><\/div>\n<h4 class=\"pt-cv-title\"><a href=\"https:\/\/www.dmsjuridica.com\/buscador_20179478954\/corteconstitucionalcronologico202454587\/t-848-01\/\" class=\"_self\" target=\"_self\" >T-848-01<\/a><\/h4>\n<div class=\"pt-cv-content\">\u00a0 \u00a0 Sentencia T-848\/01 \u00a0 ACCION DE TUTELA-Procedencia excepcional pago de acreencias laborales \u00a0 DERECHO AL MINIMO VITAL DEL TRABAJADOR-Presunci\u00f3n de afectaci\u00f3n por ausencia prolongada en pago de salarios \u00a0 DERECHO AL PAGO OPORTUNO DEL SALARIO-Fundamental \u00a0 DERECHO AL MINIMO VITAL-Pago oportuno de salarios \u00a0 Reiteraci\u00f3n de Jurisprudencia \u00a0 Referencia: expediente T-449463 \u00a0 Acci\u00f3n de tutela instaurada por Henry Alberto Santa \u00c1lvarez contra TEVEANDINA LTDA. \u00a0 Dr. ALVARO TAFUR GALVIS \u00a0 Bogot\u00e1, D.C., a los nueve (9) d\u00edas del mes de agosto de dos mil uno (2001). \u00a0 La Sala Octava de Revisi\u00f3n de la Corte Constitucional, integrada por los ...<br \/><div class=\"pt-cv-rmwrap\"><a href=\"https:\/\/www.dmsjuridica.com\/buscador_20179478954\/corteconstitucionalcronologico202454587\/t-848-01\/\" class=\"_self pt-cv-readmore btn btn-success\" target=\"_self\">Ver Sentencia Completa...<\/a><\/div><\/div><\/div><\/div>\n<div class=\"col-md-12 col-sm-12 col-xs-12 pt-cv-content-item pt-cv-1-col\" ><div class='pt-cv-ifield'><a href=\"https:\/\/www.dmsjuridica.com\/buscador_20179478954\/corteconstitucionalcronologico202454587\/t-847-01\/\" class=\"_self pt-cv-href-thumbnail pt-cv-thumb-default\" target=\"_self\" ><\/a>\n<div class=\"pt-cv-taxoterm above_title\"><a href='https:\/\/www.dmsjuridica.com\/buscador_20179478954\/corteconstitucionalcronologico202454587\/category\/buscar-en-toda-la-corte\/2001\/tutelas-2001\/' title='Tutelas 2001' class='pt-cv-tax-tutelas-2001'>Tutelas 2001<\/a><\/div>\n<h4 class=\"pt-cv-title\"><a href=\"https:\/\/www.dmsjuridica.com\/buscador_20179478954\/corteconstitucionalcronologico202454587\/t-847-01\/\" class=\"_self\" target=\"_self\" >T-847-01<\/a><\/h4>\n<div class=\"pt-cv-content\">\u00a0 \u00a0 Sentencia T-847\/01 \u00a0 ACCION DE TUTELA-Procedencia excepcional pago de acreencias laborales\/DERECHO AL MINIMO VITAL DEL TRABAJADOR-Pago oportuno de salarios \u00a0 PARTIDA PRESUPUESTAL-Disponibilidad por pago de salarios y prestaciones \u00a0 -Reiteraci\u00f3n de Jurisprudencia- \u00a0 Referencia: expedientes Nos. T-447719 y T-449241 \u00a0 Acciones de tutela instauradas por Benjam\u00edn Arquez Palomino y Edgardo Padilla G\u00f3mez contra el Alcalde Distrital, el Concejo Distrital de Barranquilla, Asamblea Departamental, la Tesorer\u00eda de la Asamblea Departamental y el Gobernador del Atl\u00e1ntico. \u00a0 Magistrado Ponente: \u00a0 Dr. ALVARO TAFUR GALVIS. \u00a0 Bogot\u00e1 D. C., nueve (9) de agosto del a\u00f1o dos mil uno (2001). \u00a0 La ...<br \/><div class=\"pt-cv-rmwrap\"><a href=\"https:\/\/www.dmsjuridica.com\/buscador_20179478954\/corteconstitucionalcronologico202454587\/t-847-01\/\" class=\"_self pt-cv-readmore btn btn-success\" target=\"_self\">Ver Sentencia Completa...<\/a><\/div><\/div><\/div><\/div>\n<div class=\"col-md-12 col-sm-12 col-xs-12 pt-cv-content-item pt-cv-1-col\" ><div class='pt-cv-ifield'><a href=\"https:\/\/www.dmsjuridica.com\/buscador_20179478954\/corteconstitucionalcronologico202454587\/t-846-01\/\" class=\"_self pt-cv-href-thumbnail pt-cv-thumb-default\" target=\"_self\" ><\/a>\n<div class=\"pt-cv-taxoterm above_title\"><a href='https:\/\/www.dmsjuridica.com\/buscador_20179478954\/corteconstitucionalcronologico202454587\/category\/buscar-en-toda-la-corte\/2001\/tutelas-2001\/' title='Tutelas 2001' class='pt-cv-tax-tutelas-2001'>Tutelas 2001<\/a><\/div>\n<h4 class=\"pt-cv-title\"><a href=\"https:\/\/www.dmsjuridica.com\/buscador_20179478954\/corteconstitucionalcronologico202454587\/t-846-01\/\" class=\"_self\" target=\"_self\" >T-846-01<\/a><\/h4>\n<div class=\"pt-cv-content\">\u00a0 \u00a0 Sentencia T-846\/01 \u00a0 ACCION DE TUTELA-Procedencia excepcional pago de acreencias laborales \u00a0 DERECHO AL MINIMO VITAL DEL TRABAJADOR-Presunci\u00f3n de afectaci\u00f3n por ausencia prolongada en pago de salarios \u00a0 EMPLEADOR-Situaci\u00f3n econ\u00f3mica o presupuestal no es \u00f3bice para desconocer obligaciones laborales \u00a0 Reiteraci\u00f3n de Jurisprudencia \u00a0 Referencia: expediente T-445336 \u00a0 Acci\u00f3n de tutela instaurada por Marcial Olea Gonz\u00e1lez contra el Municipio de Chim\u00e1 (C\u00f3rdoba). \u00a0 Magistrado Ponente: \u00a0 Dr. ALVARO TAFUR GALVIS \u00a0 Bogot\u00e1, D.C., a los nueve (9) d\u00edas del mes de agosto de dos mil uno (2001). \u00a0 La Sala Octava de Revisi\u00f3n de la Corte Constitucional, integrada ...<br \/><div class=\"pt-cv-rmwrap\"><a href=\"https:\/\/www.dmsjuridica.com\/buscador_20179478954\/corteconstitucionalcronologico202454587\/t-846-01\/\" class=\"_self pt-cv-readmore btn btn-success\" target=\"_self\">Ver Sentencia Completa...<\/a><\/div><\/div><\/div><\/div>\n<div class=\"col-md-12 col-sm-12 col-xs-12 pt-cv-content-item pt-cv-1-col\" ><div class='pt-cv-ifield'><a href=\"https:\/\/www.dmsjuridica.com\/buscador_20179478954\/corteconstitucionalcronologico202454587\/t-845-01\/\" class=\"_self pt-cv-href-thumbnail pt-cv-thumb-default\" target=\"_self\" ><\/a>\n<div class=\"pt-cv-taxoterm above_title\"><a href='https:\/\/www.dmsjuridica.com\/buscador_20179478954\/corteconstitucionalcronologico202454587\/category\/buscar-en-toda-la-corte\/2001\/tutelas-2001\/' title='Tutelas 2001' class='pt-cv-tax-tutelas-2001'>Tutelas 2001<\/a><\/div>\n<h4 class=\"pt-cv-title\"><a href=\"https:\/\/www.dmsjuridica.com\/buscador_20179478954\/corteconstitucionalcronologico202454587\/t-845-01\/\" class=\"_self\" target=\"_self\" >T-845-01<\/a><\/h4>\n<div class=\"pt-cv-content\">\u00a0 \u00a0 Sentencia T-845\/01 \u00a0 PARTIDA PRESUPUESTAL-Gesti\u00f3n y distribuci\u00f3n para pago oportuno de salarios\/DERECHO AL MINIMO VITAL DEL TRABAJADOR-Pago oportuno de salarios \u00a0 EMPLEADOR-Situaci\u00f3n econ\u00f3mica o presupuestal no es \u00f3bice para desconocer pago de salarios \u00a0 SALARIO-T\u00e9rmino de tres meses para pagarlos \u00a0 -Reiteraci\u00f3n de Jurisprudencia- \u00a0 Referencia: expediente T-443913 \u00a0 Acci\u00f3n de tutela instaurada por Rosa Elvia Franco Montes contra el alcalde del Municipio de Cali. \u00a0 Magistrado Ponente: \u00a0 Dr. ALVARO TAFUR GALVIS. \u00a0 Bogot\u00e1 D. C., nueve (9) de agosto del a\u00f1o dos mil uno (2001). \u00a0 La Sala Octava de Revisi\u00f3n de la Corte Constitucional, en ...<br \/><div class=\"pt-cv-rmwrap\"><a href=\"https:\/\/www.dmsjuridica.com\/buscador_20179478954\/corteconstitucionalcronologico202454587\/t-845-01\/\" class=\"_self pt-cv-readmore btn btn-success\" target=\"_self\">Ver Sentencia Completa...<\/a><\/div><\/div><\/div><\/div>\n<div class=\"col-md-12 col-sm-12 col-xs-12 pt-cv-content-item pt-cv-1-col\" ><div class='pt-cv-ifield'><a href=\"https:\/\/www.dmsjuridica.com\/buscador_20179478954\/corteconstitucionalcronologico202454587\/t-844-01\/\" class=\"_self pt-cv-href-thumbnail pt-cv-thumb-default\" target=\"_self\" ><\/a>\n<div class=\"pt-cv-taxoterm above_title\"><a href='https:\/\/www.dmsjuridica.com\/buscador_20179478954\/corteconstitucionalcronologico202454587\/category\/buscar-en-toda-la-corte\/2001\/tutelas-2001\/' title='Tutelas 2001' class='pt-cv-tax-tutelas-2001'>Tutelas 2001<\/a><\/div>\n<h4 class=\"pt-cv-title\"><a href=\"https:\/\/www.dmsjuridica.com\/buscador_20179478954\/corteconstitucionalcronologico202454587\/t-844-01\/\" class=\"_self\" target=\"_self\" >T-844-01<\/a><\/h4>\n<div class=\"pt-cv-content\">\u00a0 \u00a0 Sentencia T-844\/01 \u00a0 DERECHO A LA SALUD- Exigencia de periodo m\u00ednimo de cotizaci\u00f3n por no estar en peligro la vida \u00a0 La Corte ha se\u00f1alado que es deber de los afiliados al sistema cumplir con las semanas m\u00ednimas de cotizaci\u00f3n, a efectos de obtener la atenci\u00f3n m\u00e9dica que el sistema general de seguridad social en salud les brinda. Con todo, se han fijado condiciones bajo las cuales, dicho m\u00ednimo no es exigible: que la vida del afiliado se encuentra en peligro, que se trate de una enfermedad en extremo grave o que la atenci\u00f3n negada se integre de ...<br \/><div class=\"pt-cv-rmwrap\"><a href=\"https:\/\/www.dmsjuridica.com\/buscador_20179478954\/corteconstitucionalcronologico202454587\/t-844-01\/\" class=\"_self pt-cv-readmore btn btn-success\" target=\"_self\">Ver Sentencia Completa...<\/a><\/div><\/div><\/div><\/div>\n<div class=\"col-md-12 col-sm-12 col-xs-12 pt-cv-content-item pt-cv-1-col\" ><div class='pt-cv-ifield'><a href=\"https:\/\/www.dmsjuridica.com\/buscador_20179478954\/corteconstitucionalcronologico202454587\/t-843-01\/\" class=\"_self pt-cv-href-thumbnail pt-cv-thumb-default\" target=\"_self\" ><\/a>\n<div class=\"pt-cv-taxoterm above_title\"><a href='https:\/\/www.dmsjuridica.com\/buscador_20179478954\/corteconstitucionalcronologico202454587\/category\/buscar-en-toda-la-corte\/2001\/tutelas-2001\/' title='Tutelas 2001' class='pt-cv-tax-tutelas-2001'>Tutelas 2001<\/a><\/div>\n<h4 class=\"pt-cv-title\"><a href=\"https:\/\/www.dmsjuridica.com\/buscador_20179478954\/corteconstitucionalcronologico202454587\/t-843-01\/\" class=\"_self\" target=\"_self\" >T-843-01<\/a><\/h4>\n<div class=\"pt-cv-content\">\u00a0 \u00a0 Sentencia T-843\/01 \u00a0 DERECHO A LA SALUD-Cirug\u00eda ocular por el ISS \u00a0 La salud si bien no es considerada como un derecho fundamental por naturaleza, puede llegar a considerarse como tal por conexidad, cuando en determinados casos su amparo cobija directamente otros derechos fundamentales como la vida o la dignidad humana. En el presente caso se observa que la solicitud hecha por la actora a efectos de que le sean realizados los ex\u00e1menes que permitan determinar realmente la patolog\u00eda que presenta son necesarios, pues adem\u00e1s debe tenerse en cuenta precisamente que se remite al servicio de oftalmolog\u00eda para ...<br \/><div class=\"pt-cv-rmwrap\"><a href=\"https:\/\/www.dmsjuridica.com\/buscador_20179478954\/corteconstitucionalcronologico202454587\/t-843-01\/\" class=\"_self pt-cv-readmore btn btn-success\" target=\"_self\">Ver Sentencia Completa...<\/a><\/div><\/div><\/div><\/div>\n<div class=\"col-md-12 col-sm-12 col-xs-12 pt-cv-content-item pt-cv-1-col\" ><div class='pt-cv-ifield'><a href=\"https:\/\/www.dmsjuridica.com\/buscador_20179478954\/corteconstitucionalcronologico202454587\/t-842-01\/\" class=\"_self pt-cv-href-thumbnail pt-cv-thumb-default\" target=\"_self\" ><\/a>\n<div class=\"pt-cv-taxoterm above_title\"><a href='https:\/\/www.dmsjuridica.com\/buscador_20179478954\/corteconstitucionalcronologico202454587\/category\/buscar-en-toda-la-corte\/2001\/tutelas-2001\/' title='Tutelas 2001' class='pt-cv-tax-tutelas-2001'>Tutelas 2001<\/a><\/div>\n<h4 class=\"pt-cv-title\"><a href=\"https:\/\/www.dmsjuridica.com\/buscador_20179478954\/corteconstitucionalcronologico202454587\/t-842-01\/\" class=\"_self\" target=\"_self\" >T-842-01<\/a><\/h4>\n<div class=\"pt-cv-content\">\u00a0 \u00a0 Sentencia T-842\/01 \u00a0 VIA DE HECHO POR DESCONOCER COSA JUZGADA CONSTITUCIONAL \u00a0 ACCION DE TUTELA CONTRA ACTUACIONES Y DECISIONES JUDICIALES-Eventos en que procede \u00a0 Esta Corporaci\u00f3n, mediante doctrina constitucional de obligatorio cumplimiento tiene previsto que cuando las actuaciones y decisiones judiciales i) se fundamenten en normas derogadas, o declaradas inexequibles, ii) apliquen directamente disposiciones constitucionales apart\u00e1ndose de las pautas de obligatorio cumplimiento fijadas por esta Corte como su interprete autorizado iii) den a la norma en la que se basan un sentido o entendimiento contrario a aquel que permiti\u00f3 que la disposici\u00f3n permaneciera en el ordenamiento jur\u00eddico iv) ...<br \/><div class=\"pt-cv-rmwrap\"><a href=\"https:\/\/www.dmsjuridica.com\/buscador_20179478954\/corteconstitucionalcronologico202454587\/t-842-01\/\" class=\"_self pt-cv-readmore btn btn-success\" target=\"_self\">Ver Sentencia Completa...<\/a><\/div><\/div><\/div><\/div>\n<div class=\"col-md-12 col-sm-12 col-xs-12 pt-cv-content-item pt-cv-1-col\" ><div class='pt-cv-ifield'><a href=\"https:\/\/www.dmsjuridica.com\/buscador_20179478954\/corteconstitucionalcronologico202454587\/t-841-01\/\" class=\"_self pt-cv-href-thumbnail pt-cv-thumb-default\" target=\"_self\" ><\/a>\n<div class=\"pt-cv-taxoterm above_title\"><a href='https:\/\/www.dmsjuridica.com\/buscador_20179478954\/corteconstitucionalcronologico202454587\/category\/buscar-en-toda-la-corte\/2001\/tutelas-2001\/' title='Tutelas 2001' class='pt-cv-tax-tutelas-2001'>Tutelas 2001<\/a><\/div>\n<h4 class=\"pt-cv-title\"><a href=\"https:\/\/www.dmsjuridica.com\/buscador_20179478954\/corteconstitucionalcronologico202454587\/t-841-01\/\" class=\"_self\" target=\"_self\" >T-841-01<\/a><\/h4>\n<div class=\"pt-cv-content\">\u00a0 \u00a0 Sentencia T-841\/01 \u00a0 DERECHO DE PETICION-N\u00facleo esencial\/DERECHO PENSIONAL-Entidad que ejerce autoridad en todo el territorio nacional \u00a0 DERECHO DE PETICION-Solicitud reconocimiento de pensi\u00f3n gracia \u00a0 Referencia: expediente T-444689. Acci\u00f3n de tutela promovida por Luis Alfonso Cabarcas Prasca contra la Caja Nacional de Previsi\u00f3n Social -Cajanal- \u00a0 Magistrada Ponente: \u00a0 Dra. CLARA INES VARGAS HERNANDEZ \u00a0 Bogot\u00e1, \u00a0D. C., diez (10) de agosto de dos mil uno (2001)\u00a0 \u00a0 La Sala Novena de Revisi\u00f3n de la Corte Constitucional, conformada por los Magistrados CLARA INES VARGAS HERNANDEZ, JAIME ARAUJO RENTERIA y ALFREDO BELTRAN SIERRA, en ejercicio de sus competencias constitucionales ...<br \/><div class=\"pt-cv-rmwrap\"><a href=\"https:\/\/www.dmsjuridica.com\/buscador_20179478954\/corteconstitucionalcronologico202454587\/t-841-01\/\" class=\"_self pt-cv-readmore btn btn-success\" target=\"_self\">Ver Sentencia Completa...<\/a><\/div><\/div><\/div><\/div>\n<div class=\"col-md-12 col-sm-12 col-xs-12 pt-cv-content-item pt-cv-1-col\" ><div class='pt-cv-ifield'><a href=\"https:\/\/www.dmsjuridica.com\/buscador_20179478954\/corteconstitucionalcronologico202454587\/t-823-01\/\" class=\"_self pt-cv-href-thumbnail pt-cv-thumb-default\" target=\"_self\" ><\/a>\n<div class=\"pt-cv-taxoterm above_title\"><a href='https:\/\/www.dmsjuridica.com\/buscador_20179478954\/corteconstitucionalcronologico202454587\/category\/buscar-en-toda-la-corte\/2001\/tutelas-2001\/' title='Tutelas 2001' class='pt-cv-tax-tutelas-2001'>Tutelas 2001<\/a><\/div>\n<h4 class=\"pt-cv-title\"><a href=\"https:\/\/www.dmsjuridica.com\/buscador_20179478954\/corteconstitucionalcronologico202454587\/t-823-01\/\" class=\"_self\" target=\"_self\" >T-823-01<\/a><\/h4>\n<div class=\"pt-cv-content\">DERECHO DE PETICION-Naturaleza \u00a0 BONOS PENSIONALES-Demora en la emisi\u00f3n afecta derechos fundamentales\/BONOS PENSIONALES-Pronta tramitaci\u00f3n \u00a0 VIA DE HECHO-Se niega pensi\u00f3n por demora en emisi\u00f3n del bono\u00a0 \u00a0 Reiteraci\u00f3n de jurisprudencia \u00a0 Referencia: expediente T-444219 \u00a0 Acci\u00f3n de tutela instaurada por Isabel Torres contra el Instituto de Seguros Sociales\u00a0 \u00a0 Magistrado Ponente: \u00a0 \u00a0 Dr. JAIME C\u00d3RDOBA TRIVI\u00d1O \u00a0 Bogot\u00e1, D.C., seis (6) de agosto de dos mil uno (2001). \u00a0 La Sala Cuarta de Revisi\u00f3n de la Corte Constitucional, en ejercicio de sus competencias constitucionales y legales, espec\u00edficamente las previstas en los art\u00edculos 86 y 241, numeral 9, de la ...<br \/><div class=\"pt-cv-rmwrap\"><a href=\"https:\/\/www.dmsjuridica.com\/buscador_20179478954\/corteconstitucionalcronologico202454587\/t-823-01\/\" class=\"_self pt-cv-readmore btn btn-success\" target=\"_self\">Ver Sentencia Completa...<\/a><\/div><\/div><\/div><\/div>\n<div class=\"col-md-12 col-sm-12 col-xs-12 pt-cv-content-item pt-cv-1-col\" ><div class='pt-cv-ifield'><a href=\"https:\/\/www.dmsjuridica.com\/buscador_20179478954\/corteconstitucionalcronologico202454587\/t-822-01\/\" class=\"_self pt-cv-href-thumbnail pt-cv-thumb-default\" target=\"_self\" ><\/a>\n<div class=\"pt-cv-taxoterm above_title\"><a href='https:\/\/www.dmsjuridica.com\/buscador_20179478954\/corteconstitucionalcronologico202454587\/category\/buscar-en-toda-la-corte\/2001\/tutelas-2001\/' title='Tutelas 2001' class='pt-cv-tax-tutelas-2001'>Tutelas 2001<\/a><\/div>\n<h4 class=\"pt-cv-title\"><a href=\"https:\/\/www.dmsjuridica.com\/buscador_20179478954\/corteconstitucionalcronologico202454587\/t-822-01\/\" class=\"_self\" target=\"_self\" >T-822-01<\/a><\/h4>\n<div class=\"pt-cv-content\">DERECHO A LA SALUD DE PERSONA DE LA TERCERA EDAD- Cirug\u00eda de transplante de cornea \u00a0 Esta Corporaci\u00f3n ha indicado en su jurisprudencia, que aquellas entidades ya sean p\u00fablicas o privadas encargadas de prestar el servicio publico de salud, deben realizar todas las gestiones necesarias en aras de garantizar la continuidad del servicio no puede esta Sala de Revisi\u00f3n dejar de proteger el derecho a la salud en conexidad con el derecho la vida digna y a la integridad f\u00edsica del actor, habida cuenta que el peticionario es una persona de 69 a\u00f1os de edad, que ha visto desmejorada su ...<br \/><div class=\"pt-cv-rmwrap\"><a href=\"https:\/\/www.dmsjuridica.com\/buscador_20179478954\/corteconstitucionalcronologico202454587\/t-822-01\/\" class=\"_self pt-cv-readmore btn btn-success\" target=\"_self\">Ver Sentencia Completa...<\/a><\/div><\/div><\/div><\/div>\n<div class=\"col-md-12 col-sm-12 col-xs-12 pt-cv-content-item pt-cv-1-col\" ><div class='pt-cv-ifield'><a href=\"https:\/\/www.dmsjuridica.com\/buscador_20179478954\/corteconstitucionalcronologico202454587\/t-821-01\/\" class=\"_self pt-cv-href-thumbnail pt-cv-thumb-default\" target=\"_self\" ><\/a>\n<div class=\"pt-cv-taxoterm above_title\"><a href='https:\/\/www.dmsjuridica.com\/buscador_20179478954\/corteconstitucionalcronologico202454587\/category\/buscar-en-toda-la-corte\/2001\/tutelas-2001\/' title='Tutelas 2001' class='pt-cv-tax-tutelas-2001'>Tutelas 2001<\/a><\/div>\n<h4 class=\"pt-cv-title\"><a href=\"https:\/\/www.dmsjuridica.com\/buscador_20179478954\/corteconstitucionalcronologico202454587\/t-821-01\/\" class=\"_self\" target=\"_self\" >T-821-01<\/a><\/h4>\n<div class=\"pt-cv-content\">\u00a0 \u00a0 Sentencia T-821\/01 \u00a0 DERECHO A LA SALUD DEL NI\u00d1O-Imposibilidad de conseguir recursos para pago de cirug\u00eda\/DERECHO A LA SALUD DEL NI\u00d1O- Cirug\u00eda de mano \u00a0 Debe tenerse en cuenta que si bien, en principio la menor recibi\u00f3 atenci\u00f3n m\u00e9dica, la negativa por parte de la A.R.S demandada de no autorizar la pr\u00e1ctica de la cirug\u00eda, hasta tanto se cancele el 10% del valor de la misma, de conformidad con el nivel de afiliaci\u00f3n, constituye un claro desconocimiento de la jurisprudencia constitucional, pues se est\u00e1n anteponiendo intereses legales por encima de la salud, el bienestar y la calidad de ...<br \/><div class=\"pt-cv-rmwrap\"><a href=\"https:\/\/www.dmsjuridica.com\/buscador_20179478954\/corteconstitucionalcronologico202454587\/t-821-01\/\" class=\"_self pt-cv-readmore btn btn-success\" target=\"_self\">Ver Sentencia Completa...<\/a><\/div><\/div><\/div><\/div>\n<div class=\"col-md-12 col-sm-12 col-xs-12 pt-cv-content-item pt-cv-1-col\" ><div class='pt-cv-ifield'><a href=\"https:\/\/www.dmsjuridica.com\/buscador_20179478954\/corteconstitucionalcronologico202454587\/t-820-01\/\" class=\"_self pt-cv-href-thumbnail pt-cv-thumb-default\" target=\"_self\" ><\/a>\n<div class=\"pt-cv-taxoterm above_title\"><a href='https:\/\/www.dmsjuridica.com\/buscador_20179478954\/corteconstitucionalcronologico202454587\/category\/buscar-en-toda-la-corte\/2001\/tutelas-2001\/' title='Tutelas 2001' class='pt-cv-tax-tutelas-2001'>Tutelas 2001<\/a><\/div>\n<h4 class=\"pt-cv-title\"><a href=\"https:\/\/www.dmsjuridica.com\/buscador_20179478954\/corteconstitucionalcronologico202454587\/t-820-01\/\" class=\"_self\" target=\"_self\" >T-820-01<\/a><\/h4>\n<div class=\"pt-cv-content\">\u00a0 \u00a0 Sentencia T-820\/01 \u00a0 DERECHO A LA SALUD-Improcedencia de mantenimiento de pr\u00f3tesis \u00a0 \u00a0La inconformidad del actor radica en el hecho de que la entidad demandada no accedi\u00f3 a la solicitud de mantenimiento de la pr\u00f3tesis modular de su pie derecho, la cual le permite indudablemente desplazarse con mayor facilidad, pero, en el evento de no tenerla, existen otros instrumentos que, si bien no con la misma comodidad, si le permiten su desplazamiento y, no por ello, se afecta la vida digna de un ser humano no se dan los requisitos exigidos para que proceda la inaplicaci\u00f3n de las ...<br \/><div class=\"pt-cv-rmwrap\"><a href=\"https:\/\/www.dmsjuridica.com\/buscador_20179478954\/corteconstitucionalcronologico202454587\/t-820-01\/\" class=\"_self pt-cv-readmore btn btn-success\" target=\"_self\">Ver Sentencia Completa...<\/a><\/div><\/div><\/div><\/div>\n<div class=\"col-md-12 col-sm-12 col-xs-12 pt-cv-content-item pt-cv-1-col\" ><div class='pt-cv-ifield'><a href=\"https:\/\/www.dmsjuridica.com\/buscador_20179478954\/corteconstitucionalcronologico202454587\/t-819-01\/\" class=\"_self pt-cv-href-thumbnail pt-cv-thumb-default\" target=\"_self\" ><\/a>\n<div class=\"pt-cv-taxoterm above_title\"><a href='https:\/\/www.dmsjuridica.com\/buscador_20179478954\/corteconstitucionalcronologico202454587\/category\/buscar-en-toda-la-corte\/2001\/tutelas-2001\/' title='Tutelas 2001' class='pt-cv-tax-tutelas-2001'>Tutelas 2001<\/a><\/div>\n<h4 class=\"pt-cv-title\"><a href=\"https:\/\/www.dmsjuridica.com\/buscador_20179478954\/corteconstitucionalcronologico202454587\/t-819-01\/\" class=\"_self\" target=\"_self\" >T-819-01<\/a><\/h4>\n<div class=\"pt-cv-content\">\u00a0 \u00a0 Sentencia T-819\/01 \u00a0 ACCION DE TUTELA CONTRA PARTICULARES-Subordinaci\u00f3n \u00a0 ACCION DE TUTELA-Improcedencia por no afectaci\u00f3n del m\u00ednimo vital\/MEDIO DE DEFENSA JUDICIAL-Pago oportuno de mesadas pensionales \u00a0 LEGITIMACION POR PASIVA EN TUTELA-Identificaci\u00f3n cabal del demandado \u00a0 ACCION DE TUTELA-Improcedencia por falta de legitimaci\u00f3n por pasiva \u00a0 Referencia: expediente T- 471.892 \u00a0 Acci\u00f3n de tutela instaurada por Javier G\u00f3mez Correa contra Juli\u00e1n Guti\u00e9rrez Arango \u00a0 Procedencia: Juzgado 15 Penal Municipal de Cali \u00a0 Magistrado Ponente: \u00a0 Dr. ALFREDO BELTR\u00c1N SIERRA \u00a0 Sentencia aprobada en Bogot\u00e1 D.C., a los dos (2) d\u00edas del mes de agosto de dos mil uno (2001) ...<br \/><div class=\"pt-cv-rmwrap\"><a href=\"https:\/\/www.dmsjuridica.com\/buscador_20179478954\/corteconstitucionalcronologico202454587\/t-819-01\/\" class=\"_self pt-cv-readmore btn btn-success\" target=\"_self\">Ver Sentencia Completa...<\/a><\/div><\/div><\/div><\/div>\n<div class=\"col-md-12 col-sm-12 col-xs-12 pt-cv-content-item pt-cv-1-col\" ><div class='pt-cv-ifield'><a href=\"https:\/\/www.dmsjuridica.com\/buscador_20179478954\/corteconstitucionalcronologico202454587\/t-818-01\/\" class=\"_self pt-cv-href-thumbnail pt-cv-thumb-default\" target=\"_self\" ><\/a>\n<div class=\"pt-cv-taxoterm above_title\"><a href='https:\/\/www.dmsjuridica.com\/buscador_20179478954\/corteconstitucionalcronologico202454587\/category\/buscar-en-toda-la-corte\/2001\/tutelas-2001\/' title='Tutelas 2001' class='pt-cv-tax-tutelas-2001'>Tutelas 2001<\/a><\/div>\n<h4 class=\"pt-cv-title\"><a href=\"https:\/\/www.dmsjuridica.com\/buscador_20179478954\/corteconstitucionalcronologico202454587\/t-818-01\/\" class=\"_self\" target=\"_self\" >T-818-01<\/a><\/h4>\n<div class=\"pt-cv-content\">\u00a0 \u00a0 Sentencia T-818\/01 \u00a0 ACCION DE TUTELA-Procedencia excepcional pago de salarios\/DERECHO AL MINIMO VITAL DEL TRABAJADOR-Pago oportuno de salarios \u00a0 PARTIDA PRESUPUESTAL-Gesti\u00f3n y distribuci\u00f3n para pago oportuno de salarios \u00a0 DERECHO AL PAGO OPORTUNO DEL SALARIO-No importa modalidad en que se desempe\u00f1e el trabajo \u00a0 -Reiteraci\u00f3n de Jurisprudencia- \u00a0 Referencia: expediente T-447518 \u00a0 Acci\u00f3n de tutela instaurada por Dionisio Bonilla Gonz\u00e1lez contra la administraci\u00f3n Municipal de Santiago de Tol\u00fa -Sucre-. \u00a0 Magistrado Ponente:\u00a0 \u00a0 Dr. MARCO GERARDO MONROY CABRA \u00a0 Bogot\u00e1, D.C., \u00a0 dos (2) de agosto de dos mil uno (2001) \u00a0 La Sala Sexta de Revisi\u00f3n de ...<br \/><div class=\"pt-cv-rmwrap\"><a href=\"https:\/\/www.dmsjuridica.com\/buscador_20179478954\/corteconstitucionalcronologico202454587\/t-818-01\/\" class=\"_self pt-cv-readmore btn btn-success\" target=\"_self\">Ver Sentencia Completa...<\/a><\/div><\/div><\/div><\/div>\n<div class=\"col-md-12 col-sm-12 col-xs-12 pt-cv-content-item pt-cv-1-col\" ><div class='pt-cv-ifield'><a href=\"https:\/\/www.dmsjuridica.com\/buscador_20179478954\/corteconstitucionalcronologico202454587\/t-817-01\/\" class=\"_self pt-cv-href-thumbnail pt-cv-thumb-default\" target=\"_self\" ><\/a>\n<div class=\"pt-cv-taxoterm above_title\"><a href='https:\/\/www.dmsjuridica.com\/buscador_20179478954\/corteconstitucionalcronologico202454587\/category\/buscar-en-toda-la-corte\/2001\/tutelas-2001\/' title='Tutelas 2001' class='pt-cv-tax-tutelas-2001'>Tutelas 2001<\/a><\/div>\n<h4 class=\"pt-cv-title\"><a href=\"https:\/\/www.dmsjuridica.com\/buscador_20179478954\/corteconstitucionalcronologico202454587\/t-817-01\/\" class=\"_self\" target=\"_self\" >T-817-01<\/a><\/h4>\n<div class=\"pt-cv-content\">\u00a0 \u00a0 Sentencia T-817\/01 \u00a0 BONOS PENSIONALES-Procedencia de tutela para reclamar la pensi\u00f3n \u00a0 ACCION DE TUTELA-Reconocimiento de pensi\u00f3n a persona inv\u00e1lida\/DERECHO AL MINIMO VITAL DE PERSONA INVALIDA-Remisi\u00f3n oportuna del bono pensional \u00a0 BONOS PENSIONALES-Entidad responsable de emisi\u00f3n \u00a0 ENTIDADES ADMINISTRATIVAS-Coordinaci\u00f3n de actuaciones para reconocimiento de pensiones \u00a0 Referencia: expediente: T-444579 \u00a0 Actor: Edgardo Alvarez Castro \u00a0 Procedencia: Tribunal Superior Sala Civil Familia Laboral, Santa Rosa de Viterbo \u00a0 Magistrado Ponente:\u00a0 \u00a0 Dr. MARCO GERARDO MONROY CABRA \u00a0 Bogot\u00e1 D.C., dos (2) de agosto de dos mil uno (2001) \u00a0 La Sala Sexta de la Corte Constitucional, integrada por los ...<br \/><div class=\"pt-cv-rmwrap\"><a href=\"https:\/\/www.dmsjuridica.com\/buscador_20179478954\/corteconstitucionalcronologico202454587\/t-817-01\/\" class=\"_self pt-cv-readmore btn btn-success\" target=\"_self\">Ver Sentencia Completa...<\/a><\/div><\/div><\/div><\/div>\n<div class=\"col-md-12 col-sm-12 col-xs-12 pt-cv-content-item pt-cv-1-col\" ><div class='pt-cv-ifield'><a href=\"https:\/\/www.dmsjuridica.com\/buscador_20179478954\/corteconstitucionalcronologico202454587\/t-803-01\/\" class=\"_self pt-cv-href-thumbnail pt-cv-thumb-default\" target=\"_self\" ><\/a>\n<div class=\"pt-cv-taxoterm above_title\"><a href='https:\/\/www.dmsjuridica.com\/buscador_20179478954\/corteconstitucionalcronologico202454587\/category\/buscar-en-toda-la-corte\/2001\/tutelas-2001\/' title='Tutelas 2001' class='pt-cv-tax-tutelas-2001'>Tutelas 2001<\/a><\/div>\n<h4 class=\"pt-cv-title\"><a href=\"https:\/\/www.dmsjuridica.com\/buscador_20179478954\/corteconstitucionalcronologico202454587\/t-803-01\/\" class=\"_self\" target=\"_self\" >T-803-01<\/a><\/h4>\n<div class=\"pt-cv-content\">\u00a0 \u00a0 Sentencia T-803\/01 \u00a0 DERECHO A LA EDUCACION-Modulaci\u00f3n de orden de no retenci\u00f3n de notas \u00a0 DERECHO A LA EDUCACION-Expedici\u00f3n certificado de estudios\/ESTABLECIMIENTO EDUCATIVO-Expedici\u00f3n certificado de estudios \u00a0 DERECHO A LA EDUCACION-Retenci\u00f3n certificado de estudios por no pago de pensi\u00f3n \u00a0 Referencia: expediente T-432449. Acci\u00f3n de tutela promovida por N\u00e9stor Ra\u00fal Rodr\u00edguez Camino contra el colegio Nuestra Se\u00f1ora de la Sabidur\u00eda de Bogot\u00e1.\u00a0 \u00a0 Magistrada Ponente: \u00a0 Dra. CLARA INES VARGAS HERNANDEZ \u00a0 Bogot\u00e1, \u00a0D. C., treinta y uno (31) de julio de dos mil uno (2001). \u00a0 La Sala Novena de Revisi\u00f3n de Tutelas de la Corte Constitucional, ...<br \/><div class=\"pt-cv-rmwrap\"><a href=\"https:\/\/www.dmsjuridica.com\/buscador_20179478954\/corteconstitucionalcronologico202454587\/t-803-01\/\" class=\"_self pt-cv-readmore btn btn-success\" target=\"_self\">Ver Sentencia Completa...<\/a><\/div><\/div><\/div><\/div>\n<div class=\"col-md-12 col-sm-12 col-xs-12 pt-cv-content-item pt-cv-1-col\" ><div class='pt-cv-ifield'><a href=\"https:\/\/www.dmsjuridica.com\/buscador_20179478954\/corteconstitucionalcronologico202454587\/t-802-01\/\" class=\"_self pt-cv-href-thumbnail pt-cv-thumb-default\" target=\"_self\" ><\/a>\n<div class=\"pt-cv-taxoterm above_title\"><a href='https:\/\/www.dmsjuridica.com\/buscador_20179478954\/corteconstitucionalcronologico202454587\/category\/buscar-en-toda-la-corte\/2001\/tutelas-2001\/' title='Tutelas 2001' class='pt-cv-tax-tutelas-2001'>Tutelas 2001<\/a><\/div>\n<h4 class=\"pt-cv-title\"><a href=\"https:\/\/www.dmsjuridica.com\/buscador_20179478954\/corteconstitucionalcronologico202454587\/t-802-01\/\" class=\"_self\" target=\"_self\" >T-802-01<\/a><\/h4>\n<div class=\"pt-cv-content\">\u00a0 \u00a0 Sentencia T-802\/01 \u00a0 ACCION DE TUTELA-Procedencia excepcional pago de acreencias laborales\/DERECHO AL MINIMO VITAL DEL TRABAJADOR-Presunci\u00f3n de afectaci\u00f3n por no pago oportuno de salarios \u00a0 EMPLEADOR-Situaci\u00f3n econ\u00f3mica o presupuestal no es \u00f3bice para desconocer obligaciones laborales \u00a0 SEGUNDA INSTANCIA EN TUTELA-Pretermisi\u00f3n de t\u00e9rminos \u00a0 Referencia: expediente T-427909. Acci\u00f3n de tutela formulada por Ana Carmela Montenegro P\u00e9rez contra el Departamento del Magdalena.\u00a0 \u00a0 Magistrada Ponente: \u00a0 Dra. CLARA INES VARGAS HERNANDEZ \u00a0 La Sala Novena de Revisi\u00f3n de la Corte Constitucional, conformada por los Magistrados CLARA INES VARGAS HERNANDEZ, JAIME ARAUJO RENTERIA y ALFREDO BELTRAN SIERRA, en ejercicio de ...<br \/><div class=\"pt-cv-rmwrap\"><a href=\"https:\/\/www.dmsjuridica.com\/buscador_20179478954\/corteconstitucionalcronologico202454587\/t-802-01\/\" class=\"_self pt-cv-readmore btn btn-success\" target=\"_self\">Ver Sentencia Completa...<\/a><\/div><\/div><\/div><\/div>\n<div class=\"col-md-12 col-sm-12 col-xs-12 pt-cv-content-item pt-cv-1-col\" ><div class='pt-cv-ifield'><a href=\"https:\/\/www.dmsjuridica.com\/buscador_20179478954\/corteconstitucionalcronologico202454587\/t-800-01\/\" class=\"_self pt-cv-href-thumbnail pt-cv-thumb-default\" target=\"_self\" ><\/a>\n<div class=\"pt-cv-taxoterm above_title\"><a href='https:\/\/www.dmsjuridica.com\/buscador_20179478954\/corteconstitucionalcronologico202454587\/category\/buscar-en-toda-la-corte\/2001\/tutelas-2001\/' title='Tutelas 2001' class='pt-cv-tax-tutelas-2001'>Tutelas 2001<\/a><\/div>\n<h4 class=\"pt-cv-title\"><a href=\"https:\/\/www.dmsjuridica.com\/buscador_20179478954\/corteconstitucionalcronologico202454587\/t-800-01\/\" class=\"_self\" target=\"_self\" >T-800-01<\/a><\/h4>\n<div class=\"pt-cv-content\">\u00a0 \u00a0 Sentencia T-800\/01\u00a0 \u00a0 NULIDAD POR FALTA DE NOTIFICACION-Demandado \u00a0 NULIDAD-Facultad del legislador para determinar causales \u00a0 ACCION DE TUTELA-Procedencia excepcional pago de salarios\/DERECHO AL MINIMO VITAL DEL TRABAJADOR-Pago oportuno de salarios \u00a0 Referencia: expediente T-442.541 \u00a0 Acci\u00f3n de tutela de Eunice Mar\u00eda Reyes Avenda\u00f1o, contra el Hospital Local \u201cSan Jos\u00e9\u201d de Pueblo Viejo (Magdalena). \u00a0 Magistrado Ponente: \u00a0 Dr. ALVARO TAFUR GALVIS. \u00a0 Bogot\u00e1, D.C., treinta y uno (31) de julio del a\u00f1o dos mil uno (2001). \u00a0 La Sala Octava de Revisi\u00f3n de Tutelas de la Corte Constitucional, integrada por los Magistrados Clara In\u00e9s Vargas Hern\u00e1ndez, Jaime ...<br \/><div class=\"pt-cv-rmwrap\"><a href=\"https:\/\/www.dmsjuridica.com\/buscador_20179478954\/corteconstitucionalcronologico202454587\/t-800-01\/\" class=\"_self pt-cv-readmore btn btn-success\" target=\"_self\">Ver Sentencia Completa...<\/a><\/div><\/div><\/div><\/div>\n<div class=\"col-md-12 col-sm-12 col-xs-12 pt-cv-content-item pt-cv-1-col\" ><div class='pt-cv-ifield'><a href=\"https:\/\/www.dmsjuridica.com\/buscador_20179478954\/corteconstitucionalcronologico202454587\/t-799-01\/\" class=\"_self pt-cv-href-thumbnail pt-cv-thumb-default\" target=\"_self\" ><\/a>\n<div class=\"pt-cv-taxoterm above_title\"><a href='https:\/\/www.dmsjuridica.com\/buscador_20179478954\/corteconstitucionalcronologico202454587\/category\/buscar-en-toda-la-corte\/2001\/tutelas-2001\/' title='Tutelas 2001' class='pt-cv-tax-tutelas-2001'>Tutelas 2001<\/a><\/div>\n<h4 class=\"pt-cv-title\"><a href=\"https:\/\/www.dmsjuridica.com\/buscador_20179478954\/corteconstitucionalcronologico202454587\/t-799-01\/\" class=\"_self\" target=\"_self\" >T-799-01<\/a><\/h4>\n<div class=\"pt-cv-content\">\u00a0 \u00a0 Sentencia T-799\/01 \u00a0 ACCION DE TUTELA CONTRA JUZGADO PENAL-Condena de reparaci\u00f3n de perjuicios a persona que no fue vinculada al proceso\u00a0 \u00a0 El actor no estaba legitimado para intervenir ante las autoridades de tr\u00e1nsito a fin de evitar el registro de la medida que le impide enajenar libremente el automotor, como tampoco podr\u00eda solicitar su cancelaci\u00f3n -en cumplimiento de lo previsto en los art\u00edculos 52 y 681 del C\u00f3digo de Procedimiento Civil-, porque ante dichas autoridades quienes figuran como afectados con la restricci\u00f3n. Y tampoco se le present\u00f3 la oportunidad de intervenir como tercero incidental, debido a que ...<br \/><div class=\"pt-cv-rmwrap\"><a href=\"https:\/\/www.dmsjuridica.com\/buscador_20179478954\/corteconstitucionalcronologico202454587\/t-799-01\/\" class=\"_self pt-cv-readmore btn btn-success\" target=\"_self\">Ver Sentencia Completa...<\/a><\/div><\/div><\/div><\/div>\n<div class=\"col-md-12 col-sm-12 col-xs-12 pt-cv-content-item pt-cv-1-col\" ><div class='pt-cv-ifield'><a href=\"https:\/\/www.dmsjuridica.com\/buscador_20179478954\/corteconstitucionalcronologico202454587\/t-798-01\/\" class=\"_self pt-cv-href-thumbnail pt-cv-thumb-default\" target=\"_self\" ><\/a>\n<div class=\"pt-cv-taxoterm above_title\"><a href='https:\/\/www.dmsjuridica.com\/buscador_20179478954\/corteconstitucionalcronologico202454587\/category\/buscar-en-toda-la-corte\/2001\/tutelas-2001\/' title='Tutelas 2001' class='pt-cv-tax-tutelas-2001'>Tutelas 2001<\/a><\/div>\n<h4 class=\"pt-cv-title\"><a href=\"https:\/\/www.dmsjuridica.com\/buscador_20179478954\/corteconstitucionalcronologico202454587\/t-798-01\/\" class=\"_self\" target=\"_self\" >T-798-01<\/a><\/h4>\n<div class=\"pt-cv-content\">\u00a0 \u00a0 Sentencia T-798\/01 \u00a0 ACCION DE TUTELA CONTRA PARTICULARES-Procedencia excepcional \u00a0 SERVICIO DE TELEFONIA MOVIL CELULAR-Naturaleza\/TELEFONIA MOVIL CELULAR-No es servicio p\u00fablico domiciliario \u00a0 SUPERINTENDENCIA DE INDUSTRIA Y COMERCIO-R\u00e9gimen de competencia en servicios no domiciliarios de comunicaciones\/REGIMEN DE LIBRE Y LEAL COMPETENCIA ECONOMICA-Servicios no domiciliarios de comunicaciones \u00a0 ACCION DE TUTELA-Inexistencia de perjuicio irremediable \u00a0 ACCION DE TUTELA-Hecho superado \u00a0 MEDIO DE DEFENSA JUDICIAL-Reclamaci\u00f3n por conducta asumida por Comcel \u00a0 Referencia: expediente T-302.999 \u00a0 Acci\u00f3n de Tutela instaurada por Fernando D\u00edaz Vallejo, contra Comunicaci\u00f3n Celular S.A. COMCEL S.A.\u00a0 \u00a0 Magistrado Ponente:\u00a0 \u00a0 Dr. \u00a0ALVARO TAFUR GALVIS \u00a0 Bogot\u00e1 \u00a0D. C., ...<br \/><div class=\"pt-cv-rmwrap\"><a href=\"https:\/\/www.dmsjuridica.com\/buscador_20179478954\/corteconstitucionalcronologico202454587\/t-798-01\/\" class=\"_self pt-cv-readmore btn btn-success\" target=\"_self\">Ver Sentencia Completa...<\/a><\/div><\/div><\/div><\/div>\n<div class=\"col-md-12 col-sm-12 col-xs-12 pt-cv-content-item pt-cv-1-col\" ><div class='pt-cv-ifield'><a href=\"https:\/\/www.dmsjuridica.com\/buscador_20179478954\/corteconstitucionalcronologico202454587\/t-797-01\/\" class=\"_self pt-cv-href-thumbnail pt-cv-thumb-default\" target=\"_self\" ><\/a>\n<div class=\"pt-cv-taxoterm above_title\"><a href='https:\/\/www.dmsjuridica.com\/buscador_20179478954\/corteconstitucionalcronologico202454587\/category\/buscar-en-toda-la-corte\/2001\/tutelas-2001\/' title='Tutelas 2001' class='pt-cv-tax-tutelas-2001'>Tutelas 2001<\/a><\/div>\n<h4 class=\"pt-cv-title\"><a href=\"https:\/\/www.dmsjuridica.com\/buscador_20179478954\/corteconstitucionalcronologico202454587\/t-797-01\/\" class=\"_self\" target=\"_self\" >T-797-01<\/a><\/h4>\n<div class=\"pt-cv-content\">\u00a0 \u00a0 Sentencia T-797\/01 \u00a0 DERECHO A LA SALUD-Periodo m\u00ednimo de cotizaci\u00f3n por enfermedad de alto costo\/DERECHO A LA SALUD-Tratamiento de di\u00e1lisis\/ACCION DE REPETICION POR ENTIDAD PROMOTORA DE SALUD-Suministro de tratamiento de alto costo sin cumplir periodo m\u00ednimo de cotizaci\u00f3n \u00a0 Tratamientos como el requerido por la accionante, en los cuales se exige de una determinada periodicidad a afectos de poder mantener no s\u00f3lo una condici\u00f3n de salud adecuada, sino tambi\u00e9n de garantizar la vida misma, no pueden condicionarse para su prestaci\u00f3n a la estricta aplicaci\u00f3n de lineamientos legales, que lo \u00fanico que generan es la \u00a0violaci\u00f3n de derechos fundamentales ...<br \/><div class=\"pt-cv-rmwrap\"><a href=\"https:\/\/www.dmsjuridica.com\/buscador_20179478954\/corteconstitucionalcronologico202454587\/t-797-01\/\" class=\"_self pt-cv-readmore btn btn-success\" target=\"_self\">Ver Sentencia Completa...<\/a><\/div><\/div><\/div><\/div>\n<div class=\"col-md-12 col-sm-12 col-xs-12 pt-cv-content-item pt-cv-1-col\" ><div class='pt-cv-ifield'><a href=\"https:\/\/www.dmsjuridica.com\/buscador_20179478954\/corteconstitucionalcronologico202454587\/t-796-01\/\" class=\"_self pt-cv-href-thumbnail pt-cv-thumb-default\" target=\"_self\" ><\/a>\n<div class=\"pt-cv-taxoterm above_title\"><a href='https:\/\/www.dmsjuridica.com\/buscador_20179478954\/corteconstitucionalcronologico202454587\/category\/buscar-en-toda-la-corte\/2001\/tutelas-2001\/' title='Tutelas 2001' class='pt-cv-tax-tutelas-2001'>Tutelas 2001<\/a><\/div>\n<h4 class=\"pt-cv-title\"><a href=\"https:\/\/www.dmsjuridica.com\/buscador_20179478954\/corteconstitucionalcronologico202454587\/t-796-01\/\" class=\"_self\" target=\"_self\" >T-796-01<\/a><\/h4>\n<div class=\"pt-cv-content\">\u00a0 \u00a0 Sentencia T-796\/01 \u00a0 ACCION DE TUTELA -Improcedencia para ordenar reconocimiento de pensiones \u00a0 DERECHO DE PETICION-Omisi\u00f3n de respuesta oportuna \u00a0por el ISS \u00a0 DERECHO DE PETICION-Vulneraci\u00f3n por desorganizaci\u00f3n administrativa \u00a0 DERECHO DE PETICION-Ejercicio y alcance \u00a0 DERECHO DE PETICION ANTE EL SEGURO SOCIAL-Aplicaci\u00f3n anal\u00f3gica de t\u00e9rmino de cuatro meses para resolver reconocimiento de pensiones legales \u00a0 BONOS PENSIONALES-Su exigencia no puede vulnerar el derecho a la pensi\u00f3n \u00a0 La exigencia de los bonos pensionales, no puede convertirse en un elemento que vulnere el derecho a una pensi\u00f3n particularmente grave es lo que est\u00e1 aconteciendo en el Seguro Social: ...<br \/><div class=\"pt-cv-rmwrap\"><a href=\"https:\/\/www.dmsjuridica.com\/buscador_20179478954\/corteconstitucionalcronologico202454587\/t-796-01\/\" class=\"_self pt-cv-readmore btn btn-success\" target=\"_self\">Ver Sentencia Completa...<\/a><\/div><\/div><\/div><\/div>\n<div class=\"col-md-12 col-sm-12 col-xs-12 pt-cv-content-item pt-cv-1-col\" ><div class='pt-cv-ifield'><a href=\"https:\/\/www.dmsjuridica.com\/buscador_20179478954\/corteconstitucionalcronologico202454587\/t-795-01\/\" class=\"_self pt-cv-href-thumbnail pt-cv-thumb-default\" target=\"_self\" ><\/a>\n<div class=\"pt-cv-taxoterm above_title\"><a href='https:\/\/www.dmsjuridica.com\/buscador_20179478954\/corteconstitucionalcronologico202454587\/category\/buscar-en-toda-la-corte\/2001\/tutelas-2001\/' title='Tutelas 2001' class='pt-cv-tax-tutelas-2001'>Tutelas 2001<\/a><\/div>\n<h4 class=\"pt-cv-title\"><a href=\"https:\/\/www.dmsjuridica.com\/buscador_20179478954\/corteconstitucionalcronologico202454587\/t-795-01\/\" class=\"_self\" target=\"_self\" >T-795-01<\/a><\/h4>\n<div class=\"pt-cv-content\">\u00a0 \u00a0 Sentencia T-795\/01 \u00a0 ACCION DE TUTELA-Procedencia excepcional pago de salarios \u00a0 DERECHO AL MINIMO VITAL-Prueba de la amenaza \u00a0 DERECHO AL MINIMO VITAL DEL TRABAJADOR-Improcedencia de tutela por no demostraci\u00f3n de afectaci\u00f3n \u00a0 Referencia: expediente T-433145 \u00a0 Acci\u00f3n de tutela instaurada por ELIZABETH ROJAS BULA y otros contra el Gobernador del Departamento del Atl\u00e1ntico, la Tesorera Departamental del Atl\u00e1ntico, el Tesorero y el Presidente de la Asamblea Departamental del Atl\u00e1ntico. \u00a0 Magistrado ponente: \u00a0 Dr. MANUEL JOSE CEPEDA ESPINOSA \u00a0 Bogot\u00e1, D.C., julio veintisiete (27) de dos mil uno (2001). \u00a0 La Sala Tercera de Revisi\u00f3n de la ...<br \/><div class=\"pt-cv-rmwrap\"><a href=\"https:\/\/www.dmsjuridica.com\/buscador_20179478954\/corteconstitucionalcronologico202454587\/t-795-01\/\" class=\"_self pt-cv-readmore btn btn-success\" target=\"_self\">Ver Sentencia Completa...<\/a><\/div><\/div><\/div><\/div>\n<div class=\"col-md-12 col-sm-12 col-xs-12 pt-cv-content-item pt-cv-1-col\" ><div class='pt-cv-ifield'><a href=\"https:\/\/www.dmsjuridica.com\/buscador_20179478954\/corteconstitucionalcronologico202454587\/t-794-01\/\" class=\"_self pt-cv-href-thumbnail pt-cv-thumb-default\" target=\"_self\" ><\/a>\n<div class=\"pt-cv-taxoterm above_title\"><a href='https:\/\/www.dmsjuridica.com\/buscador_20179478954\/corteconstitucionalcronologico202454587\/category\/buscar-en-toda-la-corte\/2001\/tutelas-2001\/' title='Tutelas 2001' class='pt-cv-tax-tutelas-2001'>Tutelas 2001<\/a><\/div>\n<h4 class=\"pt-cv-title\"><a href=\"https:\/\/www.dmsjuridica.com\/buscador_20179478954\/corteconstitucionalcronologico202454587\/t-794-01\/\" class=\"_self\" target=\"_self\" >T-794-01<\/a><\/h4>\n<div class=\"pt-cv-content\">\u00a0 \u00a0 Sentencia T-794\/01 \u00a0 LITISCONSORCIO PASIVO-Integraci\u00f3n \u00a0 LEGITIMACION POR PASIVA EN TUTELA \u00a0 ACCION DE TUTELA-Procedencia excepcional pago de mesadas pensionales\/DERECHO AL MINIMO VITAL DEL PENSIONADO-Pago oportuno de mesadas\u00a0 \u00a0 ACCION DE TUTELA-Improcedencia por no tratarse de la tercera edad y ser econ\u00f3micamente activo \u00a0 \u00a0 Referencia: expedientes T-418588 y T-420402 (acumulados) \u00a0 Acci\u00f3n de tutela instaurada por Pedro Manuel Ochoa Torres y Lilia Berdugo Castro contra el Rector de la Universidad del Atl\u00e1ntico, respectivamente. \u00a0 Temas: \u00a0 Tutela improcedencia para reclamar mesadas pensionales de personas econ\u00f3micamente activas. \u00a0 Convenciones colectivas relevancia constitucional de las inequidades pactadas. \u00a0 Magistrado ...<br \/><div class=\"pt-cv-rmwrap\"><a href=\"https:\/\/www.dmsjuridica.com\/buscador_20179478954\/corteconstitucionalcronologico202454587\/t-794-01\/\" class=\"_self pt-cv-readmore btn btn-success\" target=\"_self\">Ver Sentencia Completa...<\/a><\/div><\/div><\/div><\/div>\n<div class=\"col-md-12 col-sm-12 col-xs-12 pt-cv-content-item pt-cv-1-col\" ><div class='pt-cv-ifield'><a href=\"https:\/\/www.dmsjuridica.com\/buscador_20179478954\/corteconstitucionalcronologico202454587\/t-793-01\/\" class=\"_self pt-cv-href-thumbnail pt-cv-thumb-default\" target=\"_self\" ><\/a>\n<div class=\"pt-cv-taxoterm above_title\"><a href='https:\/\/www.dmsjuridica.com\/buscador_20179478954\/corteconstitucionalcronologico202454587\/category\/buscar-en-toda-la-corte\/2001\/tutelas-2001\/' title='Tutelas 2001' class='pt-cv-tax-tutelas-2001'>Tutelas 2001<\/a><\/div>\n<h4 class=\"pt-cv-title\"><a href=\"https:\/\/www.dmsjuridica.com\/buscador_20179478954\/corteconstitucionalcronologico202454587\/t-793-01\/\" class=\"_self\" target=\"_self\" >T-793-01<\/a><\/h4>\n<div class=\"pt-cv-content\">\u00a0 \u00a0 Sentencia T-793\/01 \u00a0 DERECHO DE ASOCIACION SINDICAL-Desconocimiento por despido colectivo de trabajadores \u00a0 ADMINISTRACION PUBLICA-Fundamentos del proceso de reestructuraci\u00f3n \u00a0 ESTRUCTURA DE LA ADMINISTRACION PUBLICA-No es intangible\/ADMINISTRACION PUBLICA-Reestructuraci\u00f3n \u00a0 DERECHO AL TRABAJO EN CONDICIONES DIGNAS Y JUSTAS-Protecci\u00f3n ante privatizaci\u00f3n o reestructuraci\u00f3n de entidades \u00a0 PROCESO DE REESTRUCTURACION-Alcance \u00a0 PROCESO DE REESTRUCTURACION-No vulnera el derecho de asociaci\u00f3n sindical \u00a0 DERECHO DE ASOCIACION SINDICAL-Despidos colectivos por reestructuraci\u00f3n\/DERECHO DE ASOCIACION SINDICAL-No vulneraci\u00f3n por despidos colectivos \u00a0 Referencia: expediente T-416135 \u00a0 Acci\u00f3n de tutela instaurada por Pablo Leon Murcia y otros contra el Departamento Administrativo de Acci\u00f3n Comunal del Distrito Capital (DAACD) ...<br \/><div class=\"pt-cv-rmwrap\"><a href=\"https:\/\/www.dmsjuridica.com\/buscador_20179478954\/corteconstitucionalcronologico202454587\/t-793-01\/\" class=\"_self pt-cv-readmore btn btn-success\" target=\"_self\">Ver Sentencia Completa...<\/a><\/div><\/div><\/div><\/div>\n<div class=\"col-md-12 col-sm-12 col-xs-12 pt-cv-content-item pt-cv-1-col\" ><div class='pt-cv-ifield'><a href=\"https:\/\/www.dmsjuridica.com\/buscador_20179478954\/corteconstitucionalcronologico202454587\/t-792-01\/\" class=\"_self pt-cv-href-thumbnail pt-cv-thumb-default\" target=\"_self\" ><\/a>\n<div class=\"pt-cv-taxoterm above_title\"><a href='https:\/\/www.dmsjuridica.com\/buscador_20179478954\/corteconstitucionalcronologico202454587\/category\/buscar-en-toda-la-corte\/2001\/tutelas-2001\/' title='Tutelas 2001' class='pt-cv-tax-tutelas-2001'>Tutelas 2001<\/a><\/div>\n<h4 class=\"pt-cv-title\"><a href=\"https:\/\/www.dmsjuridica.com\/buscador_20179478954\/corteconstitucionalcronologico202454587\/t-792-01\/\" class=\"_self\" target=\"_self\" >T-792-01<\/a><\/h4>\n<div class=\"pt-cv-content\">\u00a0 \u00a0 Sentencia T-792\/01 \u00a0 ACCION DE TUTELA-Hecho superado por realizaci\u00f3n de cirug\u00eda \u00a0 Referencia: expediente T-474065 \u00a0 Acci\u00f3n de tutela instaurada por Misael Mart\u00ednez C\u00e1ceres \u00a0contra el Instituto de Seguros Sociales, Seccional Santander. \u00a0 Magistrado Ponente: \u00a0 Dr. RODRIGO ESCOBAR GIL. \u00a0 Bogot\u00e1 D.C., a los veintisiete (27) d\u00edas del mes de julio de dos mil uno (2001). \u00a0 La Sala Quinta de Revisi\u00f3n de Tutelas de la Corte Constitucional, integrada por los Magistrados, Rodrigo Escobar Gil, Marco Gerardo Monroy Cabra y Eduardo Montealegre Lynett, en ejercicio de sus competencias constitucionales y legales, ha proferido la siguiente, \u00a0 SENTENCIA ...<br \/><div class=\"pt-cv-rmwrap\"><a href=\"https:\/\/www.dmsjuridica.com\/buscador_20179478954\/corteconstitucionalcronologico202454587\/t-792-01\/\" class=\"_self pt-cv-readmore btn btn-success\" target=\"_self\">Ver Sentencia Completa...<\/a><\/div><\/div><\/div><\/div>\n<div class=\"col-md-12 col-sm-12 col-xs-12 pt-cv-content-item pt-cv-1-col\" ><div class='pt-cv-ifield'><a href=\"https:\/\/www.dmsjuridica.com\/buscador_20179478954\/corteconstitucionalcronologico202454587\/t-791-01\/\" class=\"_self pt-cv-href-thumbnail pt-cv-thumb-default\" target=\"_self\" ><\/a>\n<div class=\"pt-cv-taxoterm above_title\"><a href='https:\/\/www.dmsjuridica.com\/buscador_20179478954\/corteconstitucionalcronologico202454587\/category\/buscar-en-toda-la-corte\/2001\/tutelas-2001\/' title='Tutelas 2001' class='pt-cv-tax-tutelas-2001'>Tutelas 2001<\/a><\/div>\n<h4 class=\"pt-cv-title\"><a href=\"https:\/\/www.dmsjuridica.com\/buscador_20179478954\/corteconstitucionalcronologico202454587\/t-791-01\/\" class=\"_self\" target=\"_self\" >T-791-01<\/a><\/h4>\n<div class=\"pt-cv-content\">\u00a0 \u00a0 Sentencia T-791\/01 \u00a0 DERECHO A LA SALUD-Periodo m\u00ednimo de cotizaci\u00f3n por enfermedad catastr\u00f3fica o ruinosa\/DERECHO A LA SALUD-Cirug\u00eda de columna \u00a0 \u00a0Es evidente para esta Sala, que los argumentos que han llevado a dilatar la pr\u00e1ctica del tratamiento quir\u00fargico del actor, s\u00f3lo corresponde a aspectos netamente econ\u00f3micos, condici\u00f3n sobre la cual predomina el derecho fundamental a la salud en conexidad con la integridad personal y la vida \u00a0que han sido vulnerados por la entidad, al condicionar y desconocer por falta de per\u00edodo de cotizaci\u00f3n el cubrimiento total del costo del tratamiento que requiere para su normal restablecimiento de ...<br \/><div class=\"pt-cv-rmwrap\"><a href=\"https:\/\/www.dmsjuridica.com\/buscador_20179478954\/corteconstitucionalcronologico202454587\/t-791-01\/\" class=\"_self pt-cv-readmore btn btn-success\" target=\"_self\">Ver Sentencia Completa...<\/a><\/div><\/div><\/div><\/div>\n<div class=\"col-md-12 col-sm-12 col-xs-12 pt-cv-content-item pt-cv-1-col\" ><div class='pt-cv-ifield'><a href=\"https:\/\/www.dmsjuridica.com\/buscador_20179478954\/corteconstitucionalcronologico202454587\/t-790-01\/\" class=\"_self pt-cv-href-thumbnail pt-cv-thumb-default\" target=\"_self\" ><\/a>\n<div class=\"pt-cv-taxoterm above_title\"><a href='https:\/\/www.dmsjuridica.com\/buscador_20179478954\/corteconstitucionalcronologico202454587\/category\/buscar-en-toda-la-corte\/2001\/tutelas-2001\/' title='Tutelas 2001' class='pt-cv-tax-tutelas-2001'>Tutelas 2001<\/a><\/div>\n<h4 class=\"pt-cv-title\"><a href=\"https:\/\/www.dmsjuridica.com\/buscador_20179478954\/corteconstitucionalcronologico202454587\/t-790-01\/\" class=\"_self\" target=\"_self\" >T-790-01<\/a><\/h4>\n<div class=\"pt-cv-content\">\u00a0 \u00a0 Sentencia T-790\/01 \u00a0 DERECHO AL MINIMO VITAL DEL TRABAJADOR-Pago de salarios atrasados \u00a0 Reiteraci\u00f3n de Jurisprudencia- \u00a0 Referencia: expediente T-446653 \u00a0 Acci\u00f3n de tutela instaurada por Walberto A. P\u00e9rez Cabeza contra la empresa Procesadora Av\u00edcola del Valle S.A. -Proaves S.A.- \u00a0 Magistrado Ponente: \u00a0 Dr. RODRIGO ESCOBAR GIL. \u00a0 Bogot\u00e1, D. C., veintisiete (27) de julio del a\u00f1o dos mil uno (2001). \u00a0 La Sala Quinta de Revisi\u00f3n de la Corte Constitucional, en ejercicio de sus competencias constitucionales y legales, en particular las contenidas en los art\u00edculos 86 y 241, numeral 9, de la Constituci\u00f3n y en el ...<br \/><div class=\"pt-cv-rmwrap\"><a href=\"https:\/\/www.dmsjuridica.com\/buscador_20179478954\/corteconstitucionalcronologico202454587\/t-790-01\/\" class=\"_self pt-cv-readmore btn btn-success\" target=\"_self\">Ver Sentencia Completa...<\/a><\/div><\/div><\/div><\/div>\n<div class=\"col-md-12 col-sm-12 col-xs-12 pt-cv-content-item pt-cv-1-col\" ><div class='pt-cv-ifield'><a href=\"https:\/\/www.dmsjuridica.com\/buscador_20179478954\/corteconstitucionalcronologico202454587\/t-789-01\/\" class=\"_self pt-cv-href-thumbnail pt-cv-thumb-default\" target=\"_self\" ><\/a>\n<div class=\"pt-cv-taxoterm above_title\"><a href='https:\/\/www.dmsjuridica.com\/buscador_20179478954\/corteconstitucionalcronologico202454587\/category\/buscar-en-toda-la-corte\/2001\/tutelas-2001\/' title='Tutelas 2001' class='pt-cv-tax-tutelas-2001'>Tutelas 2001<\/a><\/div>\n<h4 class=\"pt-cv-title\"><a href=\"https:\/\/www.dmsjuridica.com\/buscador_20179478954\/corteconstitucionalcronologico202454587\/t-789-01\/\" class=\"_self\" target=\"_self\" >T-789-01<\/a><\/h4>\n<div class=\"pt-cv-content\">\u00a0 \u00a0 Sentencia T-789\/01 \u00a0 ACCION DE TUTELA CONTRA PARTICULARES-Indefensi\u00f3n \u00a0 VIOLENCIA INTRAFAMILIAR-Improcedencia de tutela\/VIOLENCIA INTRAFAMILIAR-Comisar\u00eda de familia \u00a0 PERSONA DE LA TERCERA EDAD-Protecci\u00f3n constitucional especial \u00a0 VIOLENCIA INTRAFAMILIAR-Procedencia excepcional de tutela por cuanto no se logr\u00f3 soluci\u00f3n con los mecanismos ordinarios \u00a0 Referencia: expediente T- 438531 \u00a0 Peticionario: Mar\u00eda Concepci\u00f3n Olarte de Tamayo \u00a0 Accionado: Esther Tamayo Olarte y Mariela Tamayo Olarte \u00a0 Magistrado Ponente:\u00a0 \u00a0 Dr. MARCO GERARDO MONROY CABRA \u00a0 Bogot\u00e1 D.C., \u00a0veintis\u00e9is \u00a0(26 ) \u00a0de julio de dos mil uno (2001) \u00a0 La Sala Sexta de la Corte Constitucional, integrada por los Magistrados doctores, Eduardo Montealegre ...<br \/><div class=\"pt-cv-rmwrap\"><a href=\"https:\/\/www.dmsjuridica.com\/buscador_20179478954\/corteconstitucionalcronologico202454587\/t-789-01\/\" class=\"_self pt-cv-readmore btn btn-success\" target=\"_self\">Ver Sentencia Completa...<\/a><\/div><\/div><\/div><\/div>\n<div class=\"col-md-12 col-sm-12 col-xs-12 pt-cv-content-item pt-cv-1-col\" ><div class='pt-cv-ifield'><a href=\"https:\/\/www.dmsjuridica.com\/buscador_20179478954\/corteconstitucionalcronologico202454587\/t-788-01\/\" class=\"_self pt-cv-href-thumbnail pt-cv-thumb-default\" target=\"_self\" ><\/a>\n<div class=\"pt-cv-taxoterm above_title\"><a href='https:\/\/www.dmsjuridica.com\/buscador_20179478954\/corteconstitucionalcronologico202454587\/category\/buscar-en-toda-la-corte\/2001\/tutelas-2001\/' title='Tutelas 2001' class='pt-cv-tax-tutelas-2001'>Tutelas 2001<\/a><\/div>\n<h4 class=\"pt-cv-title\"><a href=\"https:\/\/www.dmsjuridica.com\/buscador_20179478954\/corteconstitucionalcronologico202454587\/t-788-01\/\" class=\"_self\" target=\"_self\" >T-788-01<\/a><\/h4>\n<div class=\"pt-cv-content\">\u00a0 \u00a0 Sentencia T-788\/01 \u00a0 DERECHO DE PETICION EN VIA GUBERNATIVA-No resoluci\u00f3n oportuna de recursos \u00a0 DERECHO DE PETICION FRENTE AL SILENCIO ADMINISTRATIVO NEGATIVO-Resoluci\u00f3n oportuna de recurso de apelaci\u00f3n \u00a0 Referencia: expediente T-458113 \u00a0 Acci\u00f3n de tutela presentada por Cecilia Rivera Prada contra la Caja Nacional de Previsi\u00f3n Social -Cajanal-, Seccional Bogot\u00e1 \u00a0 Magistrado Ponente: \u00a0 Dr. JAIME CORDOBA TRIVI\u00d1O \u00a0 Bogot\u00e1, D.C., veintis\u00e9is (26) de julio de dos mil uno (2001). \u00a0 La Sala Cuarta de Revisi\u00f3n de la Corte Constitucional, en ejercicio de sus competencias constitucionales y legales, espec\u00edficamente las previstas en los art\u00edculos 86 y 241, numeral ...<br \/><div class=\"pt-cv-rmwrap\"><a href=\"https:\/\/www.dmsjuridica.com\/buscador_20179478954\/corteconstitucionalcronologico202454587\/t-788-01\/\" class=\"_self pt-cv-readmore btn btn-success\" target=\"_self\">Ver Sentencia Completa...<\/a><\/div><\/div><\/div><\/div>\n<div class=\"col-md-12 col-sm-12 col-xs-12 pt-cv-content-item pt-cv-1-col\" ><div class='pt-cv-ifield'><a href=\"https:\/\/www.dmsjuridica.com\/buscador_20179478954\/corteconstitucionalcronologico202454587\/t-787-01\/\" class=\"_self pt-cv-href-thumbnail pt-cv-thumb-default\" target=\"_self\" ><\/a>\n<div class=\"pt-cv-taxoterm above_title\"><a href='https:\/\/www.dmsjuridica.com\/buscador_20179478954\/corteconstitucionalcronologico202454587\/category\/buscar-en-toda-la-corte\/2001\/tutelas-2001\/' title='Tutelas 2001' class='pt-cv-tax-tutelas-2001'>Tutelas 2001<\/a><\/div>\n<h4 class=\"pt-cv-title\"><a href=\"https:\/\/www.dmsjuridica.com\/buscador_20179478954\/corteconstitucionalcronologico202454587\/t-787-01\/\" class=\"_self\" target=\"_self\" >T-787-01<\/a><\/h4>\n<div class=\"pt-cv-content\">\u00a0 \u00a0 Sentencia T-787\/01 \u00a0 AGENCIA OFICIOSA EN TUTELA-Hijo en representaci\u00f3n de madre \u00a0 En el caso que se analiza, quien instaura la acci\u00f3n es el hijo de una persona que se encuentra en delicado estado de salud, y aqu\u00e9l pretende que se protejan los derechos de su madre. Encuentra la Corte que en el presente evento est\u00e1 demostrada la imposibilidad de la afectada para asumir su propia defensa, motivo por el cual se ajusta a las prescripciones del art\u00edculo 10 del Decreto 2591 de 1991, sobre la posibilidad de agenciar derechos ajenos.\u00a0 \u00a0 DERECHO A LA SALUD- Periodo m\u00ednimo ...<br \/><div class=\"pt-cv-rmwrap\"><a href=\"https:\/\/www.dmsjuridica.com\/buscador_20179478954\/corteconstitucionalcronologico202454587\/t-787-01\/\" class=\"_self pt-cv-readmore btn btn-success\" target=\"_self\">Ver Sentencia Completa...<\/a><\/div><\/div><\/div><\/div>\n<div class=\"col-md-12 col-sm-12 col-xs-12 pt-cv-content-item pt-cv-1-col\" ><div class='pt-cv-ifield'><a href=\"https:\/\/www.dmsjuridica.com\/buscador_20179478954\/corteconstitucionalcronologico202454587\/t-786-01\/\" class=\"_self pt-cv-href-thumbnail pt-cv-thumb-default\" target=\"_self\" ><\/a>\n<div class=\"pt-cv-taxoterm above_title\"><a href='https:\/\/www.dmsjuridica.com\/buscador_20179478954\/corteconstitucionalcronologico202454587\/category\/buscar-en-toda-la-corte\/2001\/tutelas-2001\/' title='Tutelas 2001' class='pt-cv-tax-tutelas-2001'>Tutelas 2001<\/a><\/div>\n<h4 class=\"pt-cv-title\"><a href=\"https:\/\/www.dmsjuridica.com\/buscador_20179478954\/corteconstitucionalcronologico202454587\/t-786-01\/\" class=\"_self\" target=\"_self\" >T-786-01<\/a><\/h4>\n<div class=\"pt-cv-content\">\u00a0 \u00a0 Sentencia T-786\/01 \u00a0 DERECHO A LA SALUD DEL NI\u00d1O-Suministro de medicamento excluido del POS \u00a0 El derecho a la salud de los ni\u00f1os tiene protecci\u00f3n especial constitucional, se tiene, no s\u00f3lo como un derecho fundamental sino como un deber de la sociedad y de los entes estatales, a salvaguardar su salud y a proporcionarles un mejor modo de vida. Cabe aclarar que efectivamente existe reglamentaci\u00f3n respecto de medicamentos que son excluidos del POS, como el caso de la droga que requiere el menor \u00a0que no esta dentro de la lista de medicamentos esenciales; pero, teniendo en cuenta el ...<br \/><div class=\"pt-cv-rmwrap\"><a href=\"https:\/\/www.dmsjuridica.com\/buscador_20179478954\/corteconstitucionalcronologico202454587\/t-786-01\/\" class=\"_self pt-cv-readmore btn btn-success\" target=\"_self\">Ver Sentencia Completa...<\/a><\/div><\/div><\/div><\/div>\n<div class=\"col-md-12 col-sm-12 col-xs-12 pt-cv-content-item pt-cv-1-col\" ><div class='pt-cv-ifield'><a href=\"https:\/\/www.dmsjuridica.com\/buscador_20179478954\/corteconstitucionalcronologico202454587\/t-785-01\/\" class=\"_self pt-cv-href-thumbnail pt-cv-thumb-default\" target=\"_self\" ><\/a>\n<div class=\"pt-cv-taxoterm above_title\"><a href='https:\/\/www.dmsjuridica.com\/buscador_20179478954\/corteconstitucionalcronologico202454587\/category\/buscar-en-toda-la-corte\/2001\/tutelas-2001\/' title='Tutelas 2001' class='pt-cv-tax-tutelas-2001'>Tutelas 2001<\/a><\/div>\n<h4 class=\"pt-cv-title\"><a href=\"https:\/\/www.dmsjuridica.com\/buscador_20179478954\/corteconstitucionalcronologico202454587\/t-785-01\/\" class=\"_self\" target=\"_self\" >T-785-01<\/a><\/h4>\n<div class=\"pt-cv-content\">\u00a0 \u00a0 Sentencia T-785\/01 \u00a0 DERECHO DE PETICION EN VIA GUBERNATIVA-No resoluci\u00f3n oportuna de recursos \u00a0 DEBIDO PROCESO Y DERECHO DE PETICION-Tr\u00e1mite de recursos gubernativos \u00a0 Referencia: expediente T-469.525 \u00a0 Acci\u00f3n de tutela de Mercedes Mendoza de Mu\u00f1oz contra la Caja Nacional de Previsi\u00f3n Social - Subdirecci\u00f3n General de Prestaciones Econ\u00f3micas.\u00a0 \u00a0 Procedencia: Juzgado Primero Laboral del Circuito de Tunja. \u00a0 Magistrado Ponente:\u00a0 \u00a0 Dr. ALFREDO BELTR\u00c1N SIERRA. \u00a0 Sentencia aprobada en Bogot\u00e1, en sesi\u00f3n del veintis\u00e9is (26) de julio de dos mil uno (2001). \u00a0 La Sala Segunda (2a.) de Revisi\u00f3n de la Corte Constitucional, integrada por los magistrados, ...<br \/><div class=\"pt-cv-rmwrap\"><a href=\"https:\/\/www.dmsjuridica.com\/buscador_20179478954\/corteconstitucionalcronologico202454587\/t-785-01\/\" class=\"_self pt-cv-readmore btn btn-success\" target=\"_self\">Ver Sentencia Completa...<\/a><\/div><\/div><\/div><\/div>\n<div class=\"col-md-12 col-sm-12 col-xs-12 pt-cv-content-item pt-cv-1-col\" ><div class='pt-cv-ifield'><a href=\"https:\/\/www.dmsjuridica.com\/buscador_20179478954\/corteconstitucionalcronologico202454587\/t-784-01\/\" class=\"_self pt-cv-href-thumbnail pt-cv-thumb-default\" target=\"_self\" ><\/a>\n<div class=\"pt-cv-taxoterm above_title\"><a href='https:\/\/www.dmsjuridica.com\/buscador_20179478954\/corteconstitucionalcronologico202454587\/category\/buscar-en-toda-la-corte\/2001\/tutelas-2001\/' title='Tutelas 2001' class='pt-cv-tax-tutelas-2001'>Tutelas 2001<\/a><\/div>\n<h4 class=\"pt-cv-title\"><a href=\"https:\/\/www.dmsjuridica.com\/buscador_20179478954\/corteconstitucionalcronologico202454587\/t-784-01\/\" class=\"_self\" target=\"_self\" >T-784-01<\/a><\/h4>\n<div class=\"pt-cv-content\">\u00a0 \u00a0 Sentencia T-784\/01 \u00a0 SINDICATO-Momento en que nace \u00a0 SINDICATO-Momento en que se produce la cancelaci\u00f3n \u00a0 LIBERTAD DE ASOCIACION SINDICAL-Constituci\u00f3n de sindicato \u00a0 DERECHO DE ASOCIACION SINDICAL-L\u00edmites para la autonom\u00eda de los despidos \u00a0 SINDICATO DE SALUDCOOP-Terminaci\u00f3n de contratos laborales a los afiliados sindicalizados\/ACCION DE TUTELA-Procedencia por despido de trabajadores sindicalizados \u00a0 En este caso, la acci\u00f3n de tutela es el \u00fanico mecanismo judicial que tienen a su alcance los actores para defender sus derechos fundamentales a la libre asociaci\u00f3n y a la creaci\u00f3n de la organizaci\u00f3n sindical, ostensiblemente violados, y que contin\u00faan siendo violados. En efecto, la ...<br \/><div class=\"pt-cv-rmwrap\"><a href=\"https:\/\/www.dmsjuridica.com\/buscador_20179478954\/corteconstitucionalcronologico202454587\/t-784-01\/\" class=\"_self pt-cv-readmore btn btn-success\" target=\"_self\">Ver Sentencia Completa...<\/a><\/div><\/div><\/div><\/div>\n<div class=\"col-md-12 col-sm-12 col-xs-12 pt-cv-content-item pt-cv-1-col\" ><div class='pt-cv-ifield'><a href=\"https:\/\/www.dmsjuridica.com\/buscador_20179478954\/corteconstitucionalcronologico202454587\/t-773-01\/\" class=\"_self pt-cv-href-thumbnail pt-cv-thumb-default\" target=\"_self\" ><\/a>\n<div class=\"pt-cv-taxoterm above_title\"><a href='https:\/\/www.dmsjuridica.com\/buscador_20179478954\/corteconstitucionalcronologico202454587\/category\/buscar-en-toda-la-corte\/2001\/tutelas-2001\/' title='Tutelas 2001' class='pt-cv-tax-tutelas-2001'>Tutelas 2001<\/a><\/div>\n<h4 class=\"pt-cv-title\"><a href=\"https:\/\/www.dmsjuridica.com\/buscador_20179478954\/corteconstitucionalcronologico202454587\/t-773-01\/\" class=\"_self\" target=\"_self\" >T-773-01<\/a><\/h4>\n<div class=\"pt-cv-content\">\u00a0 \u00a0 Sentencia T-773\/01 \u00a0 DEBIDO PROCESO DE INTERNO-Vulneraci\u00f3n \u00a0 \u00a0El Director de la C\u00e1rcel no era la autoridad administrativa competente para adoptar la resoluci\u00f3n mediante la cual se fallara la actuaci\u00f3n disciplinaria, porque las faltas presuntamente cometidas por los internos investigados fueron calificadas como GRAVES, de manera que la competencia reca\u00eda en el CONSEJO DE DISCIPLINA del establecimiento resulta entonces sencillamente contradictorio, incomprensible \u00a0y sumamente criticable que el director de la c\u00e1rcel de Distrito Judicial, adem\u00e1s de ignorar el contenido de la ley, se atreviera a declarar ante funcionario judicial que la resoluci\u00f3n sancionatoria fue adoptada por el Consejo ...<br \/><div class=\"pt-cv-rmwrap\"><a href=\"https:\/\/www.dmsjuridica.com\/buscador_20179478954\/corteconstitucionalcronologico202454587\/t-773-01\/\" class=\"_self pt-cv-readmore btn btn-success\" target=\"_self\">Ver Sentencia Completa...<\/a><\/div><\/div><\/div><\/div>\n<div class=\"col-md-12 col-sm-12 col-xs-12 pt-cv-content-item pt-cv-1-col\" ><div class='pt-cv-ifield'><a href=\"https:\/\/www.dmsjuridica.com\/buscador_20179478954\/corteconstitucionalcronologico202454587\/t-772-01\/\" class=\"_self pt-cv-href-thumbnail pt-cv-thumb-default\" target=\"_self\" ><\/a>\n<div class=\"pt-cv-taxoterm above_title\"><a href='https:\/\/www.dmsjuridica.com\/buscador_20179478954\/corteconstitucionalcronologico202454587\/category\/buscar-en-toda-la-corte\/2001\/tutelas-2001\/' title='Tutelas 2001' class='pt-cv-tax-tutelas-2001'>Tutelas 2001<\/a><\/div>\n<h4 class=\"pt-cv-title\"><a href=\"https:\/\/www.dmsjuridica.com\/buscador_20179478954\/corteconstitucionalcronologico202454587\/t-772-01\/\" class=\"_self\" target=\"_self\" >T-772-01<\/a><\/h4>\n<div class=\"pt-cv-content\">\u00a0 \u00a0 Sentencia T-772\/01 \u00a0 ACCION DE TUTELA-Procedencia excepcional pago de salarios \u00a0 ACCION DE TUTELA-Hecho superado por pago de acreencias laborales \u00a0 Referencia: expedientes Acumulados T-419731, T-419740, T-420142, T-420143, T-420145 y T-420149. Acciones de tutela promovidas individualmente contra la Gobernaci\u00f3n de Caldas y los Ministerios de Hacienda y Cr\u00e9dito P\u00fablico y de Educaci\u00f3n Nacional, por Mar\u00eda Elvini Gallego Morales, Orlando Henao Arias, Adiela P\u00e9rez Arango, Mar\u00eda Beatriz Morales Morales, Mar\u00eda Marleny Guti\u00e9rrez Hurtado y Mar\u00eda Lucy Castro Henao.\u00a0 \u00a0 \u00a0 \u00a0 \u00a0 \u00a0 \u00a0 \u00a0 \u00a0 \u00a0 \u00a0 \u00a0 \u00a0 \u00a0 \u00a0 \u00a0 \u00a0 \u00a0 \u00a0 \u00a0 Magistrada Ponente: ...<br \/><div class=\"pt-cv-rmwrap\"><a href=\"https:\/\/www.dmsjuridica.com\/buscador_20179478954\/corteconstitucionalcronologico202454587\/t-772-01\/\" class=\"_self pt-cv-readmore btn btn-success\" target=\"_self\">Ver Sentencia Completa...<\/a><\/div><\/div><\/div><\/div>\n<div class=\"col-md-12 col-sm-12 col-xs-12 pt-cv-content-item pt-cv-1-col\" ><div class='pt-cv-ifield'><a href=\"https:\/\/www.dmsjuridica.com\/buscador_20179478954\/corteconstitucionalcronologico202454587\/t-771-01\/\" class=\"_self pt-cv-href-thumbnail pt-cv-thumb-default\" target=\"_self\" ><\/a>\n<div class=\"pt-cv-taxoterm above_title\"><a href='https:\/\/www.dmsjuridica.com\/buscador_20179478954\/corteconstitucionalcronologico202454587\/category\/buscar-en-toda-la-corte\/2001\/tutelas-2001\/' title='Tutelas 2001' class='pt-cv-tax-tutelas-2001'>Tutelas 2001<\/a><\/div>\n<h4 class=\"pt-cv-title\"><a href=\"https:\/\/www.dmsjuridica.com\/buscador_20179478954\/corteconstitucionalcronologico202454587\/t-771-01\/\" class=\"_self\" target=\"_self\" >T-771-01<\/a><\/h4>\n<div class=\"pt-cv-content\">\u00a0 \u00a0 Sentencia T-771\/01 \u00a0 La situaci\u00f3n es tan pat\u00e9tica que las aguas negras brotan de los sanitarios e inundan los ba\u00f1os y los patios de esas viviendas, gener\u00e1ndose una urgencia sanitaria que obliga a los perjudicados a vivir en condiciones deplorables, esto es, en unas residencias anegadas por aguas negras que no pueden ser evacuadas de esa zona urbana y a soportar unas condiciones de insalubridad potencialmente lesivas de su salud y de su vida, particularmente de la poblaci\u00f3n m\u00e1s vulnerable, ni\u00f1os y ancianos fundamentalmente. Esa afecci\u00f3n del derecho a un medio ambiente sano en conexidad con el derecho ...<br \/><div class=\"pt-cv-rmwrap\"><a href=\"https:\/\/www.dmsjuridica.com\/buscador_20179478954\/corteconstitucionalcronologico202454587\/t-771-01\/\" class=\"_self pt-cv-readmore btn btn-success\" target=\"_self\">Ver Sentencia Completa...<\/a><\/div><\/div><\/div><\/div>\n<div class=\"col-md-12 col-sm-12 col-xs-12 pt-cv-content-item pt-cv-1-col\" ><div class='pt-cv-ifield'><a href=\"https:\/\/www.dmsjuridica.com\/buscador_20179478954\/corteconstitucionalcronologico202454587\/t-770-01\/\" class=\"_self pt-cv-href-thumbnail pt-cv-thumb-default\" target=\"_self\" ><\/a>\n<div class=\"pt-cv-taxoterm above_title\"><a href='https:\/\/www.dmsjuridica.com\/buscador_20179478954\/corteconstitucionalcronologico202454587\/category\/buscar-en-toda-la-corte\/2001\/tutelas-2001\/' title='Tutelas 2001' class='pt-cv-tax-tutelas-2001'>Tutelas 2001<\/a><\/div>\n<h4 class=\"pt-cv-title\"><a href=\"https:\/\/www.dmsjuridica.com\/buscador_20179478954\/corteconstitucionalcronologico202454587\/t-770-01\/\" class=\"_self\" target=\"_self\" >T-770-01<\/a><\/h4>\n<div class=\"pt-cv-content\">\u00a0 \u00a0 Sentencia T-770\/01 \u00a0 DERECHO AL TRABAJO-Fundamental \u00a0 ACCION DE TUTELA -Improcedencia para ordenar reajuste salarial \u00a0 REMUNERACION SALARIAL Y REAJUSTE PERIODICO\/SALARIO-Movilidad con aumento costo de vida \u00a0 MEDIO DE DEFENSA JUDICIAL-Reajuste salarial por p\u00e9rdida de poder adquisitivo \u00a0 JUEZ DE TUTELA-Imposibilidad de modificar presupuesto para incremento salarial de \u00a0servidores p\u00fablicos \u00a0 ACCION DE TUTELA-Improcedencia para ordenar incremento salarial \u00a0 Referencia: expediente T-437755 \u00a0 Acci\u00f3n de tutela instaurada contra la Sociedad de Acueducto y Alcantarillado del Valle, ACUAVALLE, por el Sindicato de Trabajadores de esa entidad. \u00a0 Magistrado Ponente:\u00a0 \u00a0 Dr. JAIME CORDOBA TRIVI\u00d1O \u00a0 Bogot\u00e1, D.C., veinticuatro (24) ...<br \/><div class=\"pt-cv-rmwrap\"><a href=\"https:\/\/www.dmsjuridica.com\/buscador_20179478954\/corteconstitucionalcronologico202454587\/t-770-01\/\" class=\"_self pt-cv-readmore btn btn-success\" target=\"_self\">Ver Sentencia Completa...<\/a><\/div><\/div><\/div><\/div>\n<div class=\"col-md-12 col-sm-12 col-xs-12 pt-cv-content-item pt-cv-1-col\" ><div class='pt-cv-ifield'><a href=\"https:\/\/www.dmsjuridica.com\/buscador_20179478954\/corteconstitucionalcronologico202454587\/t-769-01\/\" class=\"_self pt-cv-href-thumbnail pt-cv-thumb-default\" target=\"_self\" ><\/a>\n<div class=\"pt-cv-taxoterm above_title\"><a href='https:\/\/www.dmsjuridica.com\/buscador_20179478954\/corteconstitucionalcronologico202454587\/category\/buscar-en-toda-la-corte\/2001\/tutelas-2001\/' title='Tutelas 2001' class='pt-cv-tax-tutelas-2001'>Tutelas 2001<\/a><\/div>\n<h4 class=\"pt-cv-title\"><a href=\"https:\/\/www.dmsjuridica.com\/buscador_20179478954\/corteconstitucionalcronologico202454587\/t-769-01\/\" class=\"_self\" target=\"_self\" >T-769-01<\/a><\/h4>\n<div class=\"pt-cv-content\">\u00a0 \u00a0 Sentencia T-769\/01 \u00a0 LEGITIMACION POR ACTIVA EN TUTELA-Indebida representaci\u00f3n de vecinos \u00a0 En el caso objeto de estudio, el actor, quien a su vez es vecino y directo afectado con los hechos que motivaron la interposici\u00f3n de la presente acci\u00f3n de tutela, aporta junto con la demanda de tutela una lista en la que se encuentran las firmas y n\u00fameros de c\u00e9dula de otros vecinos del sector que se encuentran igualmente afectados por el problema de aguas negras. Sin embargo, no pone de presente el actor, ni se deduce de los hechos o de las pruebas que obran ...<br \/><div class=\"pt-cv-rmwrap\"><a href=\"https:\/\/www.dmsjuridica.com\/buscador_20179478954\/corteconstitucionalcronologico202454587\/t-769-01\/\" class=\"_self pt-cv-readmore btn btn-success\" target=\"_self\">Ver Sentencia Completa...<\/a><\/div><\/div><\/div><\/div>\n<div class=\"col-md-12 col-sm-12 col-xs-12 pt-cv-content-item pt-cv-1-col\" ><div class='pt-cv-ifield'><a href=\"https:\/\/www.dmsjuridica.com\/buscador_20179478954\/corteconstitucionalcronologico202454587\/t-768-01\/\" class=\"_self pt-cv-href-thumbnail pt-cv-thumb-default\" target=\"_self\" ><\/a>\n<div class=\"pt-cv-taxoterm above_title\"><a href='https:\/\/www.dmsjuridica.com\/buscador_20179478954\/corteconstitucionalcronologico202454587\/category\/buscar-en-toda-la-corte\/2001\/tutelas-2001\/' title='Tutelas 2001' class='pt-cv-tax-tutelas-2001'>Tutelas 2001<\/a><\/div>\n<h4 class=\"pt-cv-title\"><a href=\"https:\/\/www.dmsjuridica.com\/buscador_20179478954\/corteconstitucionalcronologico202454587\/t-768-01\/\" class=\"_self\" target=\"_self\" >T-768-01<\/a><\/h4>\n<div class=\"pt-cv-content\">\u00a0 \u00a0 Sentencia T-768\/01 \u00a0 DERECHO A LA SALUD-Mora en aportes por empleador \u00a0 Si bien en principio las EPS no est\u00e1n obligadas a prestar servicios cuando no les han cotizado oportunamente, pues la obligaci\u00f3n directa en tal materia es del patrono y a \u00e9ste debe exigirse su cumplimiento, ello no exonera totalmente a las EPS de un deber esencial a su funci\u00f3n, cual es el de atender a la persona que se encuentra en delicado estado de salud, en una situaci\u00f3n de urgencia, o afrontando grave peligro de muerte. En tales opciones se parte del supuesto de que el ...<br \/><div class=\"pt-cv-rmwrap\"><a href=\"https:\/\/www.dmsjuridica.com\/buscador_20179478954\/corteconstitucionalcronologico202454587\/t-768-01\/\" class=\"_self pt-cv-readmore btn btn-success\" target=\"_self\">Ver Sentencia Completa...<\/a><\/div><\/div><\/div><\/div>\n<div class=\"col-md-12 col-sm-12 col-xs-12 pt-cv-content-item pt-cv-1-col\" ><div class='pt-cv-ifield'><a href=\"https:\/\/www.dmsjuridica.com\/buscador_20179478954\/corteconstitucionalcronologico202454587\/t-767-01\/\" class=\"_self pt-cv-href-thumbnail pt-cv-thumb-default\" target=\"_self\" ><\/a>\n<div class=\"pt-cv-taxoterm above_title\"><a href='https:\/\/www.dmsjuridica.com\/buscador_20179478954\/corteconstitucionalcronologico202454587\/category\/buscar-en-toda-la-corte\/2001\/tutelas-2001\/' title='Tutelas 2001' class='pt-cv-tax-tutelas-2001'>Tutelas 2001<\/a><\/div>\n<h4 class=\"pt-cv-title\"><a href=\"https:\/\/www.dmsjuridica.com\/buscador_20179478954\/corteconstitucionalcronologico202454587\/t-767-01\/\" class=\"_self\" target=\"_self\" >T-767-01<\/a><\/h4>\n<div class=\"pt-cv-content\">\u00a0 \u00a0 Sentencia T-767\/01 \u00a0 ACCION DE TUTELA CONTRA PARTICULARES-Fundamento\u00a0 \u00a0 INDEFENSION-Debilidad manifiesta \u00a0 INTERES COLECTIVO-Procedencia excepcional de tutela \u00a0 MEDIO DE DEFENSA JUDICIAL-Eficacia y proporcionalidad \u00a0 ACCION DE TUTELA TRANSITORIA-Inexistencia de perjuicio irremediable \u00a0 ACCION DE TUTELA-Criterios para determinar su procedencia cuando se afectan derechos colectivos \u00a0 ACCION POPULAR-Ca\u00f1o de aguas negras \u00a0 ACCION POPULAR-Recolecci\u00f3n de basuras \u00a0 Referencia: expedientes T-426542, T-426543, T-426544, T-426545, T-426546, T-427673, T-428563, T-428564 y T-439811. \u00a0 Accionantes: William Tirado Ariza \u00a0y otros. \u00a0 Procedencia: Juzgado 1 Penal Municipal de Soacha y otros. \u00a0 Magistrado Ponente: \u00a0 Dr. EDUARDO MONTEALEGRE LYNETT \u00a0 Bogot\u00e1, D.C. diecinueve ...<br \/><div class=\"pt-cv-rmwrap\"><a href=\"https:\/\/www.dmsjuridica.com\/buscador_20179478954\/corteconstitucionalcronologico202454587\/t-767-01\/\" class=\"_self pt-cv-readmore btn btn-success\" target=\"_self\">Ver Sentencia Completa...<\/a><\/div><\/div><\/div><\/div>\n<div class=\"col-md-12 col-sm-12 col-xs-12 pt-cv-content-item pt-cv-1-col\" ><div class='pt-cv-ifield'><a href=\"https:\/\/www.dmsjuridica.com\/buscador_20179478954\/corteconstitucionalcronologico202454587\/t-766-01\/\" class=\"_self pt-cv-href-thumbnail pt-cv-thumb-default\" target=\"_self\" ><\/a>\n<div class=\"pt-cv-taxoterm above_title\"><a href='https:\/\/www.dmsjuridica.com\/buscador_20179478954\/corteconstitucionalcronologico202454587\/category\/buscar-en-toda-la-corte\/2001\/tutelas-2001\/' title='Tutelas 2001' class='pt-cv-tax-tutelas-2001'>Tutelas 2001<\/a><\/div>\n<h4 class=\"pt-cv-title\"><a href=\"https:\/\/www.dmsjuridica.com\/buscador_20179478954\/corteconstitucionalcronologico202454587\/t-766-01\/\" class=\"_self\" target=\"_self\" >T-766-01<\/a><\/h4>\n<div class=\"pt-cv-content\">\u00a0 \u00a0 Sentencia T-766\/01 \u00a0 SUPRESION DE CARGOS-Indemnizaci\u00f3n excluye perjuicio irremediable \u00a0 ADMINISTRACION PUBLICA-Fundamentos del proceso de reestructuraci\u00f3n \u00a0 DERECHO DE ASOCIACION SINDICAL-Desconocimiento por despido colectivo de trabajadores \u00a0 Acci\u00f3n de tutela instaurada por el Sindicato de Obras Publicas Departamentales del Norte de Santander contra la Gobernaci\u00f3n de Norte de Santander. \u00a0 Magistrado Ponente: \u00a0 Dr. EDUARDO MONTEALEGRE LYNETT. \u00a0 Bogot\u00e1 ,D.C., julio diecinueve (19) de dos mil uno (2001). \u00a0 La Sala S\u00e9ptima de Revisi\u00f3n de la Corte Constitucional, integrada por los Magistrados Eduardo Montealegre Lynett, Alvaro Tafur Galvis y Clara In\u00e9s Vargas Hern\u00e1ndez, en uso de sus facultades ...<br \/><div class=\"pt-cv-rmwrap\"><a href=\"https:\/\/www.dmsjuridica.com\/buscador_20179478954\/corteconstitucionalcronologico202454587\/t-766-01\/\" class=\"_self pt-cv-readmore btn btn-success\" target=\"_self\">Ver Sentencia Completa...<\/a><\/div><\/div><\/div><\/div>\n<div class=\"col-md-12 col-sm-12 col-xs-12 pt-cv-content-item pt-cv-1-col\" ><div class='pt-cv-ifield'><a href=\"https:\/\/www.dmsjuridica.com\/buscador_20179478954\/corteconstitucionalcronologico202454587\/t-765-01\/\" class=\"_self pt-cv-href-thumbnail pt-cv-thumb-default\" target=\"_self\" ><\/a>\n<div class=\"pt-cv-taxoterm above_title\"><a href='https:\/\/www.dmsjuridica.com\/buscador_20179478954\/corteconstitucionalcronologico202454587\/category\/buscar-en-toda-la-corte\/2001\/tutelas-2001\/' title='Tutelas 2001' class='pt-cv-tax-tutelas-2001'>Tutelas 2001<\/a><\/div>\n<h4 class=\"pt-cv-title\"><a href=\"https:\/\/www.dmsjuridica.com\/buscador_20179478954\/corteconstitucionalcronologico202454587\/t-765-01\/\" class=\"_self\" target=\"_self\" >T-765-01<\/a><\/h4>\n<div class=\"pt-cv-content\">\u00a0 \u00a0 Sentencia T-765\/01 \u00a0 ACCION DE TUTELA DE MUJER EMBARAZADA-Elementos f\u00e1cticos que deben demostrarse \u00a0 MUJER EMBARAZADA EN CONTRATO A TERMINO FIJO-No afectaci\u00f3n del m\u00ednimo vital \u00a0 Reiteraci\u00f3n de Jurisprudencia \u00a0 Referencia: expediente T-420388 \u00a0 Acci\u00f3n de tutela instaurada por Viviana Janeth Saldarriaga Saldarriaga contra la Empresa Divitex Ltda. \u00a0 Magistrado Ponente: \u00a0 Dr. EDUARDO MONTEALEGRE LYNETT \u00a0 Bogot\u00e1 D.C., diecinueve (19) de julio de dos mil uno (2001). \u00a0 La Sala S\u00e9ptima de Revisi\u00f3n de la Corte Constitucional, en ejercicio de sus competencias constitucionales y legales, espec\u00edficamente las previstas en los art\u00edculos 86 y 241, numeral 9\u00ba, de ...<br \/><div class=\"pt-cv-rmwrap\"><a href=\"https:\/\/www.dmsjuridica.com\/buscador_20179478954\/corteconstitucionalcronologico202454587\/t-765-01\/\" class=\"_self pt-cv-readmore btn btn-success\" target=\"_self\">Ver Sentencia Completa...<\/a><\/div><\/div><\/div><\/div>\n<div class=\"col-md-12 col-sm-12 col-xs-12 pt-cv-content-item pt-cv-1-col\" ><div class='pt-cv-ifield'><a href=\"https:\/\/www.dmsjuridica.com\/buscador_20179478954\/corteconstitucionalcronologico202454587\/t-764-01\/\" class=\"_self pt-cv-href-thumbnail pt-cv-thumb-default\" target=\"_self\" ><\/a>\n<div class=\"pt-cv-taxoterm above_title\"><a href='https:\/\/www.dmsjuridica.com\/buscador_20179478954\/corteconstitucionalcronologico202454587\/category\/buscar-en-toda-la-corte\/2001\/tutelas-2001\/' title='Tutelas 2001' class='pt-cv-tax-tutelas-2001'>Tutelas 2001<\/a><\/div>\n<h4 class=\"pt-cv-title\"><a href=\"https:\/\/www.dmsjuridica.com\/buscador_20179478954\/corteconstitucionalcronologico202454587\/t-764-01\/\" class=\"_self\" target=\"_self\" >T-764-01<\/a><\/h4>\n<div class=\"pt-cv-content\">\u00a0 \u00a0 Sentencia T-764\/01 \u00a0 JURISPRUDENCIA CONSTITUCIONAL-Aprovechamiento grave y escandaloso del no pago de pensi\u00f3n de estudios\/DERECHO A LA EDUCACION-Modulaci\u00f3n de orden de no retenci\u00f3n de notas \u00a0 Referencia: expediente T-426525\u00a0 \u00a0 Acci\u00f3n de tutela instaurada por el menor Yuberney Cabrera Nu\u00f1ez contra el Colegio Liceo San Basilio Magno\u00a0 \u00a0 Magistrado Ponente:\u00a0 \u00a0 Dr. MARCO GERARDO MONROY CABRA \u00a0 Bogot\u00e1 D.C., julio diecinueve (19) de dos mil uno (2001) \u00a0 La Sala Sexta de Revisi\u00f3n de la Corte Constitucional, integrada por los Magistrados Marco Gerardo Monroy Cabra quien la preside, Eduardo Montealegre Lynett, y Alvaro Tafur Galvis, en ejercicio de ...<br \/><div class=\"pt-cv-rmwrap\"><a href=\"https:\/\/www.dmsjuridica.com\/buscador_20179478954\/corteconstitucionalcronologico202454587\/t-764-01\/\" class=\"_self pt-cv-readmore btn btn-success\" target=\"_self\">Ver Sentencia Completa...<\/a><\/div><\/div><\/div><\/div>\n<div class=\"col-md-12 col-sm-12 col-xs-12 pt-cv-content-item pt-cv-1-col\" ><div class='pt-cv-ifield'><a href=\"https:\/\/www.dmsjuridica.com\/buscador_20179478954\/corteconstitucionalcronologico202454587\/t-763-01\/\" class=\"_self pt-cv-href-thumbnail pt-cv-thumb-default\" target=\"_self\" ><\/a>\n<div class=\"pt-cv-taxoterm above_title\"><a href='https:\/\/www.dmsjuridica.com\/buscador_20179478954\/corteconstitucionalcronologico202454587\/category\/buscar-en-toda-la-corte\/2001\/tutelas-2001\/' title='Tutelas 2001' class='pt-cv-tax-tutelas-2001'>Tutelas 2001<\/a><\/div>\n<h4 class=\"pt-cv-title\"><a href=\"https:\/\/www.dmsjuridica.com\/buscador_20179478954\/corteconstitucionalcronologico202454587\/t-763-01\/\" class=\"_self\" target=\"_self\" >T-763-01<\/a><\/h4>\n<div class=\"pt-cv-content\">\u00a0 \u00a0 Sentencia T-763\/01 \u00a0 DERECHO DE PETICION-Procedencia respecto de revocatoria directa \u00a0 DERECHO DE PETICION-Est\u00e1 impl\u00edcito en recurso de v\u00eda gubernativa y revocaci\u00f3n directa del acto \u00a0 DERECHO DE PETICION-Respuesta oportuna y de fondo \u00a0 Referencia: expediente T- 463.087 \u00a0 Acci\u00f3n de tutela instaurada por Adriana del Carmen Parra Cruz contra Caja de Cr\u00e9dito Industrial y Minero en liquidaci\u00f3n \u00a0 Procedencia: Tribunal Superior de Cartagena, Sala Laboral. \u00a0 Magistrado Ponente: \u00a0 Dr. ALFREDO BELTR\u00c1N SIERRA \u00a0 Sentencia aprobada en Bogot\u00e1 D.C., a los diecinueve (19) d\u00edas del mes de julio de dos mil uno (2001). \u00a0 La Sala Segunda ...<br \/><div class=\"pt-cv-rmwrap\"><a href=\"https:\/\/www.dmsjuridica.com\/buscador_20179478954\/corteconstitucionalcronologico202454587\/t-763-01\/\" class=\"_self pt-cv-readmore btn btn-success\" target=\"_self\">Ver Sentencia Completa...<\/a><\/div><\/div><\/div><\/div>\n<div class=\"col-md-12 col-sm-12 col-xs-12 pt-cv-content-item pt-cv-1-col\" ><div class='pt-cv-ifield'><a href=\"https:\/\/www.dmsjuridica.com\/buscador_20179478954\/corteconstitucionalcronologico202454587\/t-762-01\/\" class=\"_self pt-cv-href-thumbnail pt-cv-thumb-default\" target=\"_self\" ><\/a>\n<div class=\"pt-cv-taxoterm above_title\"><a href='https:\/\/www.dmsjuridica.com\/buscador_20179478954\/corteconstitucionalcronologico202454587\/category\/buscar-en-toda-la-corte\/2001\/tutelas-2001\/' title='Tutelas 2001' class='pt-cv-tax-tutelas-2001'>Tutelas 2001<\/a><\/div>\n<h4 class=\"pt-cv-title\"><a href=\"https:\/\/www.dmsjuridica.com\/buscador_20179478954\/corteconstitucionalcronologico202454587\/t-762-01\/\" class=\"_self\" target=\"_self\" >T-762-01<\/a><\/h4>\n<div class=\"pt-cv-content\">\u00a0 \u00a0 Sentencia T-762\/01 \u00a0 CONTRATO DE PRESTACION DE SERVICIOS-No existe subordinaci\u00f3n, ni exclusividad\/CONTRATO DE PRESTACION DE SERVICIOS-Inexistencia de perjuicio irremediable \u00a0 DERECHO AL PAGO OPORTUNO DEL SALARIO-Fundamental\/DERECHO AL MINIMO VITAL DEL TRABAJADOR-Presunci\u00f3n de afectaci\u00f3n por ausencia prolongada en pago de salario \u00a0 EMPLEADOR-Situaci\u00f3n econ\u00f3mica o presupuestal no es \u00f3bice para desconocer pago de salarios \u00a0 Referencia: expedientes T-461.797, T-461.798, T-461.985, T-461.986, T-461.987, T-461.990, T-462.345, T-462.346, T-462.347, T-462.348, T-462.349, T-462.350, T-462.351, T-462.352, T-462.978, T-462.979, T-462.980, T-463.166, T-463.167, T-463.168, T-463.169, T-463.170, T-463.171, T-463.349, T-463.351, T-463.352, T-463.353, T-464005, T-464006, T-467.353, T-467.354, T-467.355, T-467.361, T-467.387, T-469.635, \u00a0T-469.654.\u00a0 \u00a0 Acci\u00f3n de tutela de Nestor ...<br \/><div class=\"pt-cv-rmwrap\"><a href=\"https:\/\/www.dmsjuridica.com\/buscador_20179478954\/corteconstitucionalcronologico202454587\/t-762-01\/\" class=\"_self pt-cv-readmore btn btn-success\" target=\"_self\">Ver Sentencia Completa...<\/a><\/div><\/div><\/div><\/div>\n<div class=\"col-md-12 col-sm-12 col-xs-12 pt-cv-content-item pt-cv-1-col\" ><div class='pt-cv-ifield'><a href=\"https:\/\/www.dmsjuridica.com\/buscador_20179478954\/corteconstitucionalcronologico202454587\/t-761-01\/\" class=\"_self pt-cv-href-thumbnail pt-cv-thumb-default\" target=\"_self\" ><\/a>\n<div class=\"pt-cv-taxoterm above_title\"><a href='https:\/\/www.dmsjuridica.com\/buscador_20179478954\/corteconstitucionalcronologico202454587\/category\/buscar-en-toda-la-corte\/2001\/tutelas-2001\/' title='Tutelas 2001' class='pt-cv-tax-tutelas-2001'>Tutelas 2001<\/a><\/div>\n<h4 class=\"pt-cv-title\"><a href=\"https:\/\/www.dmsjuridica.com\/buscador_20179478954\/corteconstitucionalcronologico202454587\/t-761-01\/\" class=\"_self\" target=\"_self\" >T-761-01<\/a><\/h4>\n<div class=\"pt-cv-content\">\u00a0 \u00a0 Sentencia T-761\/01 \u00a0 AGENCIA OFICIOSA EN TUTELA-Representaci\u00f3n de hermano \u00a0 Se Interpone la acci\u00f3n de tutela como agente oficioso de su hermano \u00a0quien no ejerce su propia defensa porque se encuentra en mal estado de salud. Las pruebas practicadas durante el tr\u00e1mite, evidentemente demostraron que el titular de los derechos fundamentales invocados se encuentra imposibilitado para ejercer su defensa. \u00a0 \u00a0 DERECHO A LA SALUD DEL SOLDADO RETIRADO-Protecci\u00f3n por autoridades militares \u00a0 Con base en el material probatorio que obra en el expediente, que dicho accidente ha determinado un delicado estado de salud en el exsoldado, por lo ...<br \/><div class=\"pt-cv-rmwrap\"><a href=\"https:\/\/www.dmsjuridica.com\/buscador_20179478954\/corteconstitucionalcronologico202454587\/t-761-01\/\" class=\"_self pt-cv-readmore btn btn-success\" target=\"_self\">Ver Sentencia Completa...<\/a><\/div><\/div><\/div><\/div>\n<div class=\"col-md-12 col-sm-12 col-xs-12 pt-cv-content-item pt-cv-1-col\" ><div class='pt-cv-ifield'><a href=\"https:\/\/www.dmsjuridica.com\/buscador_20179478954\/corteconstitucionalcronologico202454587\/t-759-01\/\" class=\"_self pt-cv-href-thumbnail pt-cv-thumb-default\" target=\"_self\" ><\/a>\n<div class=\"pt-cv-taxoterm above_title\"><a href='https:\/\/www.dmsjuridica.com\/buscador_20179478954\/corteconstitucionalcronologico202454587\/category\/buscar-en-toda-la-corte\/2001\/tutelas-2001\/' title='Tutelas 2001' class='pt-cv-tax-tutelas-2001'>Tutelas 2001<\/a><\/div>\n<h4 class=\"pt-cv-title\"><a href=\"https:\/\/www.dmsjuridica.com\/buscador_20179478954\/corteconstitucionalcronologico202454587\/t-759-01\/\" class=\"_self\" target=\"_self\" >T-759-01<\/a><\/h4>\n<div class=\"pt-cv-content\">\u00a0 \u00a0 Sentencia T-759\/01 \u00a0 VIA DE HECHO POR FALTA DE NOTIFICACION-Juzgamiento como reo ausente\/DERECHO DE DEFENSA DEL REO AUSENTE-Nulidad procesal \u00a0 El juez de la causa no actu\u00f3 con la suficiente diligencia y cuidado, en la medida en que no le solicit\u00f3 informaci\u00f3n a la c\u00e1rcel sobre la eventual reclusi\u00f3n del peticionario. \u00a0A lo cual se agrega que los \u00f3rganos oficiales comprometidos directa o indirectamente con la administraci\u00f3n de justicia (citados a folio 30) tampoco actuaron con la suficiente idoneidad en orden a suministrarle al juez de la causa la informaci\u00f3n que tanto la Fiscal\u00eda 52 como el mismo ...<br \/><div class=\"pt-cv-rmwrap\"><a href=\"https:\/\/www.dmsjuridica.com\/buscador_20179478954\/corteconstitucionalcronologico202454587\/t-759-01\/\" class=\"_self pt-cv-readmore btn btn-success\" target=\"_self\">Ver Sentencia Completa...<\/a><\/div><\/div><\/div><\/div>\n<div class=\"col-md-12 col-sm-12 col-xs-12 pt-cv-content-item pt-cv-1-col\" ><div class='pt-cv-ifield'><a href=\"https:\/\/www.dmsjuridica.com\/buscador_20179478954\/corteconstitucionalcronologico202454587\/t-755-01\/\" class=\"_self pt-cv-href-thumbnail pt-cv-thumb-default\" target=\"_self\" ><\/a>\n<div class=\"pt-cv-taxoterm above_title\"><a href='https:\/\/www.dmsjuridica.com\/buscador_20179478954\/corteconstitucionalcronologico202454587\/category\/buscar-en-toda-la-corte\/2001\/tutelas-2001\/' title='Tutelas 2001' class='pt-cv-tax-tutelas-2001'>Tutelas 2001<\/a><\/div>\n<h4 class=\"pt-cv-title\"><a href=\"https:\/\/www.dmsjuridica.com\/buscador_20179478954\/corteconstitucionalcronologico202454587\/t-755-01\/\" class=\"_self\" target=\"_self\" >T-755-01<\/a><\/h4>\n<div class=\"pt-cv-content\">\u00a0 \u00a0 Sentencia T-755\/01 \u00a0 DERECHO A LA SALUD-Implante de cardio desfibrilador\/DERECHO A LA SALUD-Dispositivo cardiaco excluido del POS \u00a0 La Corte concluye que la protecci\u00f3n dada por el juez de instancia es insuficiente y reitera que, cuando est\u00e1 amenazada la vida del paciente, no es admisible anteponer argumentos de car\u00e1cter reglamentario que difieran su mejor\u00eda: es evidente que la aplicaci\u00f3n sin m\u00e1s, de la exclusi\u00f3n del desfibrilador del POS (y por ende, la renuencia a suministrarlo) y la remisi\u00f3n de la paciente a una instituci\u00f3n p\u00fablica, (en la que est\u00e1 sujeta a la oferta para obtener el tratamiento que ...<br \/><div class=\"pt-cv-rmwrap\"><a href=\"https:\/\/www.dmsjuridica.com\/buscador_20179478954\/corteconstitucionalcronologico202454587\/t-755-01\/\" class=\"_self pt-cv-readmore btn btn-success\" target=\"_self\">Ver Sentencia Completa...<\/a><\/div><\/div><\/div><\/div>\n<div class=\"col-md-12 col-sm-12 col-xs-12 pt-cv-content-item pt-cv-1-col\" ><div class='pt-cv-ifield'><a href=\"https:\/\/www.dmsjuridica.com\/buscador_20179478954\/corteconstitucionalcronologico202454587\/t-754-01\/\" class=\"_self pt-cv-href-thumbnail pt-cv-thumb-default\" target=\"_self\" ><\/a>\n<div class=\"pt-cv-taxoterm above_title\"><a href='https:\/\/www.dmsjuridica.com\/buscador_20179478954\/corteconstitucionalcronologico202454587\/category\/buscar-en-toda-la-corte\/2001\/tutelas-2001\/' title='Tutelas 2001' class='pt-cv-tax-tutelas-2001'>Tutelas 2001<\/a><\/div>\n<h4 class=\"pt-cv-title\"><a href=\"https:\/\/www.dmsjuridica.com\/buscador_20179478954\/corteconstitucionalcronologico202454587\/t-754-01\/\" class=\"_self\" target=\"_self\" >T-754-01<\/a><\/h4>\n<div class=\"pt-cv-content\">\u00a0 \u00a0 Sentencia T-754\/01 \u00a0 FACULTAD IMPOSITIVA-Fundamento \u00a0 La importancia de la facultad impositiva del Estado, es un tema sobre el que existe pleno consenso. Por medio de los impuestos, la organizaci\u00f3n estatal no s\u00f3lo obtiene los ingresos que requiere para costear su funcionamiento sino que tambi\u00e9n son \u00e9stos los que le proporcionan los recursos necesarios para financiar la inversi\u00f3n p\u00fablica y sus dem\u00e1s obligaciones. El poder impositivo del Estado encuentra su completo significado en el marco de los deberes ciudadanos, los cuales se encuentran referidos en el art\u00edculo 95 de la Constituci\u00f3n. En raz\u00f3n a las caracter\u00edsticas propias del ...<br \/><div class=\"pt-cv-rmwrap\"><a href=\"https:\/\/www.dmsjuridica.com\/buscador_20179478954\/corteconstitucionalcronologico202454587\/t-754-01\/\" class=\"_self pt-cv-readmore btn btn-success\" target=\"_self\">Ver Sentencia Completa...<\/a><\/div><\/div><\/div><\/div>\n<div class=\"col-md-12 col-sm-12 col-xs-12 pt-cv-content-item pt-cv-1-col\" ><div class='pt-cv-ifield'><a href=\"https:\/\/www.dmsjuridica.com\/buscador_20179478954\/corteconstitucionalcronologico202454587\/t-753-01\/\" class=\"_self pt-cv-href-thumbnail pt-cv-thumb-default\" target=\"_self\" ><\/a>\n<div class=\"pt-cv-taxoterm above_title\"><a href='https:\/\/www.dmsjuridica.com\/buscador_20179478954\/corteconstitucionalcronologico202454587\/category\/buscar-en-toda-la-corte\/2001\/tutelas-2001\/' title='Tutelas 2001' class='pt-cv-tax-tutelas-2001'>Tutelas 2001<\/a><\/div>\n<h4 class=\"pt-cv-title\"><a href=\"https:\/\/www.dmsjuridica.com\/buscador_20179478954\/corteconstitucionalcronologico202454587\/t-753-01\/\" class=\"_self\" target=\"_self\" >T-753-01<\/a><\/h4>\n<div class=\"pt-cv-content\">\u00a0 \u00a0 Sentencia T-753\/01 \u00a0 DERECHO A LA SALUD DEL NI\u00d1O-Implante coclear\u00a0 \u00a0 El derecho a la vida implica una existencia en condiciones de dignidad y no \u00a0a una mera existencia, lo que nos lleva a concluir que si existe un procedimiento quir\u00fargico que le permite al menor acceder al mundo del sonido, no se ve como se le puede negar ese derecho. \u00a0Respecto de lo anterior, la jurisprudencia de la Corte ha determinado que omitir un tratamiento o intervenci\u00f3n quir\u00fargica que puede poner fin a una dolencia o malestar, es prolongar dichos estados indeseables y atentar contra la dignidad ...<br \/><div class=\"pt-cv-rmwrap\"><a href=\"https:\/\/www.dmsjuridica.com\/buscador_20179478954\/corteconstitucionalcronologico202454587\/t-753-01\/\" class=\"_self pt-cv-readmore btn btn-success\" target=\"_self\">Ver Sentencia Completa...<\/a><\/div><\/div><\/div><\/div>\n<div class=\"col-md-12 col-sm-12 col-xs-12 pt-cv-content-item pt-cv-1-col\" ><div class='pt-cv-ifield'><a href=\"https:\/\/www.dmsjuridica.com\/buscador_20179478954\/corteconstitucionalcronologico202454587\/t-752-01\/\" class=\"_self pt-cv-href-thumbnail pt-cv-thumb-default\" target=\"_self\" ><\/a>\n<div class=\"pt-cv-taxoterm above_title\"><a href='https:\/\/www.dmsjuridica.com\/buscador_20179478954\/corteconstitucionalcronologico202454587\/category\/buscar-en-toda-la-corte\/2001\/tutelas-2001\/' title='Tutelas 2001' class='pt-cv-tax-tutelas-2001'>Tutelas 2001<\/a><\/div>\n<h4 class=\"pt-cv-title\"><a href=\"https:\/\/www.dmsjuridica.com\/buscador_20179478954\/corteconstitucionalcronologico202454587\/t-752-01\/\" class=\"_self\" target=\"_self\" >T-752-01<\/a><\/h4>\n<div class=\"pt-cv-content\">\u00a0 \u00a0 Sentencia T-752\/01 \u00a0 IUS VARIANDI-Alcance\/IUS VARIANDI-L\u00edmites \u00a0 ACCION DE TUTELA-No es necesaria para cuestionar el ius variandi \u00a0 TRASLADO DE EMPLEADO DEL DAS-Empleador dispuso los medios necesarios \u00a0 ACCION DE TUTELA-Inexistencia de perjuicio irremediable \u00a0 Reiteraci\u00f3n de Jurisprudencia \u00a0 Referencia: expediente T-440655 \u00a0 Acci\u00f3n de tutela instaurada por Marlene M\u00e1rquez Illidge contra el Departamento Administrativo de Seguridad D.A.S. \u00a0 Magistrado Ponente: \u00a0 Dr. RODRIGO ESCOBAR GIL \u00a0 Bogot\u00e1 D.C., a los diecisiete (17) d\u00edas del mes de julio de dos mil uno (2001). \u00a0 La Sala Quinta de Revisi\u00f3n de la Corte Constitucional, integrada por los Magistrados MARCO ...<br \/><div class=\"pt-cv-rmwrap\"><a href=\"https:\/\/www.dmsjuridica.com\/buscador_20179478954\/corteconstitucionalcronologico202454587\/t-752-01\/\" class=\"_self pt-cv-readmore btn btn-success\" target=\"_self\">Ver Sentencia Completa...<\/a><\/div><\/div><\/div><\/div>\n<div class=\"col-md-12 col-sm-12 col-xs-12 pt-cv-content-item pt-cv-1-col\" ><div class='pt-cv-ifield'><a href=\"https:\/\/www.dmsjuridica.com\/buscador_20179478954\/corteconstitucionalcronologico202454587\/t-751-01\/\" class=\"_self pt-cv-href-thumbnail pt-cv-thumb-default\" target=\"_self\" ><\/a>\n<div class=\"pt-cv-taxoterm above_title\"><a href='https:\/\/www.dmsjuridica.com\/buscador_20179478954\/corteconstitucionalcronologico202454587\/category\/buscar-en-toda-la-corte\/2001\/tutelas-2001\/' title='Tutelas 2001' class='pt-cv-tax-tutelas-2001'>Tutelas 2001<\/a><\/div>\n<h4 class=\"pt-cv-title\"><a href=\"https:\/\/www.dmsjuridica.com\/buscador_20179478954\/corteconstitucionalcronologico202454587\/t-751-01\/\" class=\"_self\" target=\"_self\" >T-751-01<\/a><\/h4>\n<div class=\"pt-cv-content\">\u00a0 \u00a0 Sentencia T-751\/01 \u00a0 PERJUICIO IRREMEDIABLE-Concepto \u00a0 ACCION DE TUTELA-Improcedencia reajuste pensional por no afectaci\u00f3n del m\u00ednimo vital \u00a0 Referencia: expediente T-423071. Acci\u00f3n de tutela promovida por Gabriel Guti\u00e9rrez Mac\u00edas contra el Departamento Administrativo del Talento Humano de la Gobernaci\u00f3n de Cundinamarca.\u00a0 \u00a0 Magistrada Ponente: \u00a0 Dra. CLARA INES VARGAS HERNANDEZ \u00a0 Bogot\u00e1, \u00a0D. C., trece (13) de julio de dos mil uno (2001). \u00a0 La Sala Novena de Revisi\u00f3n de Tutelas de la Corte Constitucional, integrada por \u00a0los Magistrados CLARA INES VARGAS HERNANDEZ, JAIME ARAUJO RENTERIA y ALFREDO BELTRAN SIERRA dicta la siguiente \u00a0 Relacionada con la revisi\u00f3n ...<br \/><div class=\"pt-cv-rmwrap\"><a href=\"https:\/\/www.dmsjuridica.com\/buscador_20179478954\/corteconstitucionalcronologico202454587\/t-751-01\/\" class=\"_self pt-cv-readmore btn btn-success\" target=\"_self\">Ver Sentencia Completa...<\/a><\/div><\/div><\/div><\/div>\n<div class=\"col-md-12 col-sm-12 col-xs-12 pt-cv-content-item pt-cv-1-col\" ><div class='pt-cv-ifield'><a href=\"https:\/\/www.dmsjuridica.com\/buscador_20179478954\/corteconstitucionalcronologico202454587\/t-750-01\/\" class=\"_self pt-cv-href-thumbnail pt-cv-thumb-default\" target=\"_self\" ><\/a>\n<div class=\"pt-cv-taxoterm above_title\"><a href='https:\/\/www.dmsjuridica.com\/buscador_20179478954\/corteconstitucionalcronologico202454587\/category\/buscar-en-toda-la-corte\/2001\/tutelas-2001\/' title='Tutelas 2001' class='pt-cv-tax-tutelas-2001'>Tutelas 2001<\/a><\/div>\n<h4 class=\"pt-cv-title\"><a href=\"https:\/\/www.dmsjuridica.com\/buscador_20179478954\/corteconstitucionalcronologico202454587\/t-750-01\/\" class=\"_self\" target=\"_self\" >T-750-01<\/a><\/h4>\n<div class=\"pt-cv-content\">\u00a0 \u00a0 Sentencia T-750\/01 \u00a0 PARTIDA PRESUPUESTAL-Gesti\u00f3n y distribuci\u00f3n para pago oportuno de salarios \u00a0 DERECHO AL TRABAJO EN CONDICIONES DIGNAS Y JUSTAS-Pago oportuno de salarios \u00a0 -Reiteraci\u00f3n de Jurisprudencia- \u00a0 Referencia: expedientes Nos. T-444554, T-445055 y T-445057.\u00a0 \u00a0 Acciones de tutela instauradas por Margarita Mar\u00eda Puerto Barraza, Elsy Judith Ariza de la Hoz y Enriqueta Garc\u00eda Ch\u00e1vez contra el Gobernador del Departamento del Atl\u00e1ntico, Asamblea Departamental y Tesorer\u00eda de la Asamblea Departamental. \u00a0 Dr. EDUARDO MONTEALEGRE LYNETT.\u00a0 \u00a0 Bogot\u00e1, D.C. doce (12) de julio de dos mil uno (2001). \u00a0 La Sala S\u00e9ptima de Revisi\u00f3n de la Corte Constitucional, ...<br \/><div class=\"pt-cv-rmwrap\"><a href=\"https:\/\/www.dmsjuridica.com\/buscador_20179478954\/corteconstitucionalcronologico202454587\/t-750-01\/\" class=\"_self pt-cv-readmore btn btn-success\" target=\"_self\">Ver Sentencia Completa...<\/a><\/div><\/div><\/div><\/div>\n<div class=\"col-md-12 col-sm-12 col-xs-12 pt-cv-content-item pt-cv-1-col\" ><div class='pt-cv-ifield'><a href=\"https:\/\/www.dmsjuridica.com\/buscador_20179478954\/corteconstitucionalcronologico202454587\/t-749-01\/\" class=\"_self pt-cv-href-thumbnail pt-cv-thumb-default\" target=\"_self\" ><\/a>\n<div class=\"pt-cv-taxoterm above_title\"><a href='https:\/\/www.dmsjuridica.com\/buscador_20179478954\/corteconstitucionalcronologico202454587\/category\/buscar-en-toda-la-corte\/2001\/tutelas-2001\/' title='Tutelas 2001' class='pt-cv-tax-tutelas-2001'>Tutelas 2001<\/a><\/div>\n<h4 class=\"pt-cv-title\"><a href=\"https:\/\/www.dmsjuridica.com\/buscador_20179478954\/corteconstitucionalcronologico202454587\/t-749-01\/\" class=\"_self\" target=\"_self\" >T-749-01<\/a><\/h4>\n<div class=\"pt-cv-content\">\u00a0 \u00a0 Sentencia T-749\/01 \u00a0 ACCION DE TUTELA CONTRA EMPRESA DE MEDICINA PREPAGADA-Es requisito que el tratamiento est\u00e9 determinado por el m\u00e9dico tratante \u00a0 Para que prospere la acci\u00f3n de tutela contra alguna EPS, ha reiterado esta Corporaci\u00f3n que el tratamiento debe estar determinado por el m\u00e9dico tratante. En consecuencia, no es v\u00e1lida la orden dada por un m\u00e9dico particular no vinculado a la EPS accionada. Si el accionante decide acudir a un m\u00e9dico diferente a los que est\u00e1n suscritos a la EPS, debe asumir por cuenta propia los gastos derivados del tratamiento. Esta Corporaci\u00f3n ha entendido por m\u00e9dico tratante ...<br \/><div class=\"pt-cv-rmwrap\"><a href=\"https:\/\/www.dmsjuridica.com\/buscador_20179478954\/corteconstitucionalcronologico202454587\/t-749-01\/\" class=\"_self pt-cv-readmore btn btn-success\" target=\"_self\">Ver Sentencia Completa...<\/a><\/div><\/div><\/div><\/div>\n<div class=\"col-md-12 col-sm-12 col-xs-12 pt-cv-content-item pt-cv-1-col\" ><div class='pt-cv-ifield'><a href=\"https:\/\/www.dmsjuridica.com\/buscador_20179478954\/corteconstitucionalcronologico202454587\/t-748-01\/\" class=\"_self pt-cv-href-thumbnail pt-cv-thumb-default\" target=\"_self\" ><\/a>\n<div class=\"pt-cv-taxoterm above_title\"><a href='https:\/\/www.dmsjuridica.com\/buscador_20179478954\/corteconstitucionalcronologico202454587\/category\/buscar-en-toda-la-corte\/2001\/tutelas-2001\/' title='Tutelas 2001' class='pt-cv-tax-tutelas-2001'>Tutelas 2001<\/a><\/div>\n<h4 class=\"pt-cv-title\"><a href=\"https:\/\/www.dmsjuridica.com\/buscador_20179478954\/corteconstitucionalcronologico202454587\/t-748-01\/\" class=\"_self\" target=\"_self\" >T-748-01<\/a><\/h4>\n<div class=\"pt-cv-content\">\u00a0 \u00a0 Sentencia T-748\/01 \u00a0 DERECHO AL TRABAJO-Fundamental \u00a0 ACCION DE TUTELA-Improcedencia general pago de acreencias laborales\/JUEZ DE TUTELA-Evaluaci\u00f3n de la idoneidad y eficacia del mecanismo de defensa judicial \u00a0 DERECHO AL MINIMO VITAL DEL PENSIONADO-Presunci\u00f3n de afectaci\u00f3n por no pago oportuno de mesadas \u00a0 Referencia: expedientes Acumulados T-431823 y T-432369. Acciones de tutela promovidas individualmente por Mar\u00eda Noem\u00ed Bautista Prada y Luc\u00eda C\u00e1rdenas de Cabrera contra el Ministerio de Salud -Fondo del Pasivo Prestacional del Sector Salud- y la Fundaci\u00f3n San Juan de Dios.\u00a0 \u00a0 Magistrada Ponente: \u00a0 Bogot\u00e1, \u00a0D. C., diez (10) de julio de dos mil uno ...<br \/><div class=\"pt-cv-rmwrap\"><a href=\"https:\/\/www.dmsjuridica.com\/buscador_20179478954\/corteconstitucionalcronologico202454587\/t-748-01\/\" class=\"_self pt-cv-readmore btn btn-success\" target=\"_self\">Ver Sentencia Completa...<\/a><\/div><\/div><\/div><\/div>\n<div class=\"col-md-12 col-sm-12 col-xs-12 pt-cv-content-item pt-cv-1-col\" ><div class='pt-cv-ifield'><a href=\"https:\/\/www.dmsjuridica.com\/buscador_20179478954\/corteconstitucionalcronologico202454587\/t-747-01\/\" class=\"_self pt-cv-href-thumbnail pt-cv-thumb-default\" target=\"_self\" ><\/a>\n<div class=\"pt-cv-taxoterm above_title\"><a href='https:\/\/www.dmsjuridica.com\/buscador_20179478954\/corteconstitucionalcronologico202454587\/category\/buscar-en-toda-la-corte\/2001\/tutelas-2001\/' title='Tutelas 2001' class='pt-cv-tax-tutelas-2001'>Tutelas 2001<\/a><\/div>\n<h4 class=\"pt-cv-title\"><a href=\"https:\/\/www.dmsjuridica.com\/buscador_20179478954\/corteconstitucionalcronologico202454587\/t-747-01\/\" class=\"_self\" target=\"_self\" >T-747-01<\/a><\/h4>\n<div class=\"pt-cv-content\">\u00a0 \u00a0 Sentencia T-747\/01 \u00a0 ACCION DE TUTELA-Hecho superado por realizaci\u00f3n de cirug\u00eda \u00a0 Reiteraci\u00f3n de Jurisprudencia \u00a0 Referencia: expediente T-424585 \u00a0 Acci\u00f3n de tutela instaurada por Campo El\u00edas Forero Murcia contra el Instituto de Seguros Sociales. \u00a0 Magistrado Ponente: \u00a0 Bogot\u00e1, D.C., doce (12) de julio de dos mil uno (2001). \u00a0 La Sala Cuarta de Revisi\u00f3n de la Corte Constitucional, en ejercicio de sus competencias constitucionales y legales, en particular las contenidas en los art\u00edculos 86 y 241, numeral 9, de la Constituci\u00f3n y el Decreto 2591 de 1991, ha proferido la siguiente \u00a0 SENTENCIA \u00a0 dentro del ...<br \/><div class=\"pt-cv-rmwrap\"><a href=\"https:\/\/www.dmsjuridica.com\/buscador_20179478954\/corteconstitucionalcronologico202454587\/t-747-01\/\" class=\"_self pt-cv-readmore btn btn-success\" target=\"_self\">Ver Sentencia Completa...<\/a><\/div><\/div><\/div><\/div>\n<div class=\"col-md-12 col-sm-12 col-xs-12 pt-cv-content-item pt-cv-1-col\" ><div class='pt-cv-ifield'><a href=\"https:\/\/www.dmsjuridica.com\/buscador_20179478954\/corteconstitucionalcronologico202454587\/t-746-01\/\" class=\"_self pt-cv-href-thumbnail pt-cv-thumb-default\" target=\"_self\" ><\/a>\n<div class=\"pt-cv-taxoterm above_title\"><a href='https:\/\/www.dmsjuridica.com\/buscador_20179478954\/corteconstitucionalcronologico202454587\/category\/buscar-en-toda-la-corte\/2001\/tutelas-2001\/' title='Tutelas 2001' class='pt-cv-tax-tutelas-2001'>Tutelas 2001<\/a><\/div>\n<h4 class=\"pt-cv-title\"><a href=\"https:\/\/www.dmsjuridica.com\/buscador_20179478954\/corteconstitucionalcronologico202454587\/t-746-01\/\" class=\"_self\" target=\"_self\" >T-746-01<\/a><\/h4>\n<div class=\"pt-cv-content\">\u00a0 \u00a0 Sentencia T-746\/01 \u00a0 DERECHO DE PROPIEDAD\u2013Naturaleza \u00a0 El derecho de propiedad es considerado como un derecho social, que debe ser estudiado seg\u00fan las caracter\u00edsticas de cada caso, dado el inter\u00e9s general que razonablemente lo justifique. \u00a0 LANZAMIENTO POR OCUPACION DE HECHO-Protecci\u00f3n del Estado a ocupantes \u00a0 Como en la practica de la diligencia de lanzamiento por ocupaci\u00f3n de hecho pueden verse afectados no solo los adultos que durante alg\u00fan tiempo considerable all\u00ed se encuentren, sino tambi\u00e9n sus familias entre los cuales puede ocurrir que existan ancianos o ni\u00f1os de grupos que ordinariamente constituyen sectores marginados de la sociedad, ...<br \/><div class=\"pt-cv-rmwrap\"><a href=\"https:\/\/www.dmsjuridica.com\/buscador_20179478954\/corteconstitucionalcronologico202454587\/t-746-01\/\" class=\"_self pt-cv-readmore btn btn-success\" target=\"_self\">Ver Sentencia Completa...<\/a><\/div><\/div><\/div><\/div>\n<div class=\"col-md-12 col-sm-12 col-xs-12 pt-cv-content-item pt-cv-1-col\" ><div class='pt-cv-ifield'><a href=\"https:\/\/www.dmsjuridica.com\/buscador_20179478954\/corteconstitucionalcronologico202454587\/t-745-01\/\" class=\"_self pt-cv-href-thumbnail pt-cv-thumb-default\" target=\"_self\" ><\/a>\n<div class=\"pt-cv-taxoterm above_title\"><a href='https:\/\/www.dmsjuridica.com\/buscador_20179478954\/corteconstitucionalcronologico202454587\/category\/buscar-en-toda-la-corte\/2001\/tutelas-2001\/' title='Tutelas 2001' class='pt-cv-tax-tutelas-2001'>Tutelas 2001<\/a><\/div>\n<h4 class=\"pt-cv-title\"><a href=\"https:\/\/www.dmsjuridica.com\/buscador_20179478954\/corteconstitucionalcronologico202454587\/t-745-01\/\" class=\"_self\" target=\"_self\" >T-745-01<\/a><\/h4>\n<div class=\"pt-cv-content\">\u00a0 \u00a0 Sentencia T-745\/01 \u00a0 DEBIDO PROCESO-N\u00facleo esencial en lo penal \u00a0 ACCION DE TUTELA CONTRA PROVIDENCIAS JUDICIALES-Procedencia excepcional \u00a0 VIA DE HECHO-Alcance \u00a0 AUDIENCIA PUBLICA-No citaci\u00f3n del actor por desconocimiento de domicilio \u00a0 Referencia: expediente T- 459.669 \u00a0 Actor: Freddy Enrique L\u00f3pez Gonz\u00e1lez en contra del Juzgado Segundo (2) Penal Municipal de Bucaramanga.\u00a0 \u00a0 Procedencia: Juzgado Cuarto (4) Penal del Circuito de Bucaramanga.\u00a0 \u00a0 Magistrado Ponente: \u00a0 Dr. ALFREDO BELTR\u00c1N SIERRA. \u00a0 Sentencia aprobada en Bogot\u00e1 D.C., a los (12) d\u00edas del mes de julio de dos mil uno (2001). \u00a0 La Sala Segunda de Revisi\u00f3n de la Corte ...<br \/><div class=\"pt-cv-rmwrap\"><a href=\"https:\/\/www.dmsjuridica.com\/buscador_20179478954\/corteconstitucionalcronologico202454587\/t-745-01\/\" class=\"_self pt-cv-readmore btn btn-success\" target=\"_self\">Ver Sentencia Completa...<\/a><\/div><\/div><\/div><\/div>\n<div class=\"col-md-12 col-sm-12 col-xs-12 pt-cv-content-item pt-cv-1-col\" ><div class='pt-cv-ifield'><a href=\"https:\/\/www.dmsjuridica.com\/buscador_20179478954\/corteconstitucionalcronologico202454587\/t-744-01\/\" class=\"_self pt-cv-href-thumbnail pt-cv-thumb-default\" target=\"_self\" ><\/a>\n<div class=\"pt-cv-taxoterm above_title\"><a href='https:\/\/www.dmsjuridica.com\/buscador_20179478954\/corteconstitucionalcronologico202454587\/category\/buscar-en-toda-la-corte\/2001\/tutelas-2001\/' title='Tutelas 2001' class='pt-cv-tax-tutelas-2001'>Tutelas 2001<\/a><\/div>\n<h4 class=\"pt-cv-title\"><a href=\"https:\/\/www.dmsjuridica.com\/buscador_20179478954\/corteconstitucionalcronologico202454587\/t-744-01\/\" class=\"_self\" target=\"_self\" >T-744-01<\/a><\/h4>\n<div class=\"pt-cv-content\">\u00a0 \u00a0 Sentencia T-744\/01 \u00a0 SERVICIOS PUBLICOS DOMICILIARIOS-Caracter\u00edsticas y finalidades \u00a0 SERVICIOS PUBLICOS DOMICILIARIOS-Limitaciones no conducen a un perjuicio irremediable \u00a0 De acuerdo con la naturaleza de la acci\u00f3n de tutela, la prestaci\u00f3n no continua o la suspensi\u00f3n de uno de los servicios, as\u00ed haya afectaci\u00f3n de los usuarios del servicio correspondiente, no lleva consigo siempre la vulneraci\u00f3n de derechos fundamentales, que s\u00f3lo puedan ser protegidos a trav\u00e9s de la acci\u00f3n de tutela. En otras palabras, la interrupci\u00f3n de un servicio p\u00fablico domiciliario, aun por causas ajenas al usuario, no hace procedente, en forma mec\u00e1nica, la acci\u00f3n de tutela, ni ...<br \/><div class=\"pt-cv-rmwrap\"><a href=\"https:\/\/www.dmsjuridica.com\/buscador_20179478954\/corteconstitucionalcronologico202454587\/t-744-01\/\" class=\"_self pt-cv-readmore btn btn-success\" target=\"_self\">Ver Sentencia Completa...<\/a><\/div><\/div><\/div><\/div>\n<div class=\"col-md-12 col-sm-12 col-xs-12 pt-cv-content-item pt-cv-1-col\" ><div class='pt-cv-ifield'><a href=\"https:\/\/www.dmsjuridica.com\/buscador_20179478954\/corteconstitucionalcronologico202454587\/t-736-01\/\" class=\"_self pt-cv-href-thumbnail pt-cv-thumb-default\" target=\"_self\" ><\/a>\n<div class=\"pt-cv-taxoterm above_title\"><a href='https:\/\/www.dmsjuridica.com\/buscador_20179478954\/corteconstitucionalcronologico202454587\/category\/buscar-en-toda-la-corte\/2001\/tutelas-2001\/' title='Tutelas 2001' class='pt-cv-tax-tutelas-2001'>Tutelas 2001<\/a><\/div>\n<h4 class=\"pt-cv-title\"><a href=\"https:\/\/www.dmsjuridica.com\/buscador_20179478954\/corteconstitucionalcronologico202454587\/t-736-01\/\" class=\"_self\" target=\"_self\" >T-736-01<\/a><\/h4>\n<div class=\"pt-cv-content\">\u00a0 \u00a0 Sentencia T-736\/01 \u00a0 LICENCIA DE MATERNIDAD-Procedencia excepcional de tutela para el pago \u00a0 LICENCIA DE MATERNIDAD-Pago por tutela cuando se esta ante el m\u00ednimo vital \u00a0 EMPLEADOR-Mora en pago de intereses por pago tard\u00edo en aportes a EPS \u00a0 LICENCIA DE MATERNIDAD-Pago por allanamiento a la mora por EPS \u00a0 Referencia: expediente T-432263. Acci\u00f3n de tutela interpuesta por Blanca Nubia S\u00e1nchez Serrano Galv\u00e1n contra \u00a0el Instituto de Seguro Social, Seccional Tolima. \u00a0 Magistrada Ponente: \u00a0 Dra. CLARA INES VARGAS HERNANDEZ. \u00a0 Bogot\u00e1, \u00a0D. C., diez (10) de julio de dos mil uno (2001). \u00a0 La Sala Novena de ...<br \/><div class=\"pt-cv-rmwrap\"><a href=\"https:\/\/www.dmsjuridica.com\/buscador_20179478954\/corteconstitucionalcronologico202454587\/t-736-01\/\" class=\"_self pt-cv-readmore btn btn-success\" target=\"_self\">Ver Sentencia Completa...<\/a><\/div><\/div><\/div><\/div>\n<div class=\"col-md-12 col-sm-12 col-xs-12 pt-cv-content-item pt-cv-1-col\" ><div class='pt-cv-ifield'><a href=\"https:\/\/www.dmsjuridica.com\/buscador_20179478954\/corteconstitucionalcronologico202454587\/t-735-01\/\" class=\"_self pt-cv-href-thumbnail pt-cv-thumb-default\" target=\"_self\" ><\/a>\n<div class=\"pt-cv-taxoterm above_title\"><a href='https:\/\/www.dmsjuridica.com\/buscador_20179478954\/corteconstitucionalcronologico202454587\/category\/buscar-en-toda-la-corte\/2001\/tutelas-2001\/' title='Tutelas 2001' class='pt-cv-tax-tutelas-2001'>Tutelas 2001<\/a><\/div>\n<h4 class=\"pt-cv-title\"><a href=\"https:\/\/www.dmsjuridica.com\/buscador_20179478954\/corteconstitucionalcronologico202454587\/t-735-01\/\" class=\"_self\" target=\"_self\" >T-735-01<\/a><\/h4>\n<div class=\"pt-cv-content\">\u00a0 \u00a0 Sentencia T-735\/01 \u00a0 ACCION DE TUTELA-Improcedencia para reintegro al cargo\/ENTIDAD DEL ORDEN DISTRITAL-Reestructuraci\u00f3n \u00a0 DERECHO DE ASOCIACION SINDICAL-Hechos violatorios deben probarse \u00a0 La protecci\u00f3n del derecho a la libertad de asociaci\u00f3n sindical por v\u00eda de tutela no puede prosperar simple y llanamente por que s\u00ed. Como en todo proceso de tutela, las situaciones y hechos presuntamente constitutivos de la vulneraci\u00f3n de un determinado derecho fundamental deben aparecer probados. Por v\u00eda de ejemplo, en los casos estudiados por la Corte \u00a0Constitucional en la sentencias citadas por los accionantes, la prosperidad del amparo se apoyo en medios de prueba demostrativos ...<br \/><div class=\"pt-cv-rmwrap\"><a href=\"https:\/\/www.dmsjuridica.com\/buscador_20179478954\/corteconstitucionalcronologico202454587\/t-735-01\/\" class=\"_self pt-cv-readmore btn btn-success\" target=\"_self\">Ver Sentencia Completa...<\/a><\/div><\/div><\/div><\/div>\n<div class=\"col-md-12 col-sm-12 col-xs-12 pt-cv-content-item pt-cv-1-col\" ><div class='pt-cv-ifield'><a href=\"https:\/\/www.dmsjuridica.com\/buscador_20179478954\/corteconstitucionalcronologico202454587\/t-734-01\/\" class=\"_self pt-cv-href-thumbnail pt-cv-thumb-default\" target=\"_self\" ><\/a>\n<div class=\"pt-cv-taxoterm above_title\"><a href='https:\/\/www.dmsjuridica.com\/buscador_20179478954\/corteconstitucionalcronologico202454587\/category\/buscar-en-toda-la-corte\/2001\/tutelas-2001\/' title='Tutelas 2001' class='pt-cv-tax-tutelas-2001'>Tutelas 2001<\/a><\/div>\n<h4 class=\"pt-cv-title\"><a href=\"https:\/\/www.dmsjuridica.com\/buscador_20179478954\/corteconstitucionalcronologico202454587\/t-734-01\/\" class=\"_self\" target=\"_self\" >T-734-01<\/a><\/h4>\n<div class=\"pt-cv-content\">\u00a0 \u00a0 Sentencia T-734\/01 \u00a0 DERECHO AL PAGO OPORTUNO DEL SALARIO-Fundamental\/DERECHO AL MINIMO VITAL DEL TRABAJADOR-Pago oportuno de salarios \u00a0 Referencia: expedientes T- \u00a0 \u00a0 \u00a0 \u00a0 432228 \u00a0 Accionantes: Mar\u00eda Esmeria Padilla de Trujillo \u00a0 Procedencia: Tribunal Superior Sala Civil de Ibagu\u00e9 \u00a0 Magistrado Ponente:\u00a0 \u00a0 Dr. MARCO GERARDO MONROY CABRA \u00a0 \u00a0 \u00a0 Bogot\u00e1, diez (10) de julio de dos mil uno (2001) \u00a0 La Sala Sexta de Revisi\u00f3n de la Corte Constitucional, integrada por los Magistrados doctores Marco Gerardo Monroy Cabra, Eduardo Montealegre Lynett y Alvaro Tafur Galvis, en ejercicio de sus competencias constitucionales y legales, ha ...<br \/><div class=\"pt-cv-rmwrap\"><a href=\"https:\/\/www.dmsjuridica.com\/buscador_20179478954\/corteconstitucionalcronologico202454587\/t-734-01\/\" class=\"_self pt-cv-readmore btn btn-success\" target=\"_self\">Ver Sentencia Completa...<\/a><\/div><\/div><\/div><\/div>\n<div class=\"col-md-12 col-sm-12 col-xs-12 pt-cv-content-item pt-cv-1-col\" ><div class='pt-cv-ifield'><a href=\"https:\/\/www.dmsjuridica.com\/buscador_20179478954\/corteconstitucionalcronologico202454587\/t-733-01\/\" class=\"_self pt-cv-href-thumbnail pt-cv-thumb-default\" target=\"_self\" ><\/a>\n<div class=\"pt-cv-taxoterm above_title\"><a href='https:\/\/www.dmsjuridica.com\/buscador_20179478954\/corteconstitucionalcronologico202454587\/category\/buscar-en-toda-la-corte\/2001\/tutelas-2001\/' title='Tutelas 2001' class='pt-cv-tax-tutelas-2001'>Tutelas 2001<\/a><\/div>\n<h4 class=\"pt-cv-title\"><a href=\"https:\/\/www.dmsjuridica.com\/buscador_20179478954\/corteconstitucionalcronologico202454587\/t-733-01\/\" class=\"_self\" target=\"_self\" >T-733-01<\/a><\/h4>\n<div class=\"pt-cv-content\">\u00a0 \u00a0 Sentencia T-733\/01 \u00a0 SERVIDOR PUBLICO-Categor\u00edas \u00a0 En 1968 las personas vinculadas laboralmente con el Estado fueron clasificadas en dos grandes categor\u00edas, \u201cempleado p\u00fablico\u201d y \u201ctrabajador oficial\u201d, las que a su vez integraban el concepto gen\u00e9rico de los \u201cempleados oficiales\u201d. \u00a0Se adoptaron desde entonces dos criterios, hoy vigentes, para determinar la pertenencia del empleado oficial a una de las dos categor\u00edas mencionadas. Ellos han sido desde entonces el criterio org\u00e1nico, el cual tiene en cuenta la naturaleza jur\u00eddica de la entidad u organismo al cual est\u00e1 vinculada la persona, y el criterio funcional, en consideraci\u00f3n a la naturaleza de ...<br \/><div class=\"pt-cv-rmwrap\"><a href=\"https:\/\/www.dmsjuridica.com\/buscador_20179478954\/corteconstitucionalcronologico202454587\/t-733-01\/\" class=\"_self pt-cv-readmore btn btn-success\" target=\"_self\">Ver Sentencia Completa...<\/a><\/div><\/div><\/div><\/div>\n<div class=\"col-md-12 col-sm-12 col-xs-12 pt-cv-content-item pt-cv-1-col\" ><div class='pt-cv-ifield'><a href=\"https:\/\/www.dmsjuridica.com\/buscador_20179478954\/corteconstitucionalcronologico202454587\/t-732-01\/\" class=\"_self pt-cv-href-thumbnail pt-cv-thumb-default\" target=\"_self\" ><\/a>\n<div class=\"pt-cv-taxoterm above_title\"><a href='https:\/\/www.dmsjuridica.com\/buscador_20179478954\/corteconstitucionalcronologico202454587\/category\/buscar-en-toda-la-corte\/2001\/tutelas-2001\/' title='Tutelas 2001' class='pt-cv-tax-tutelas-2001'>Tutelas 2001<\/a><\/div>\n<h4 class=\"pt-cv-title\"><a href=\"https:\/\/www.dmsjuridica.com\/buscador_20179478954\/corteconstitucionalcronologico202454587\/t-732-01\/\" class=\"_self\" target=\"_self\" >T-732-01<\/a><\/h4>\n<div class=\"pt-cv-content\">\u00a0 \u00a0 Sentencia T-732\/01 \u00a0 CODENSA-Improcedencia de la acci\u00f3n de tutela frente a la terminaci\u00f3n de contratos de trabajo \u00a0 DERECHO DE ASOCIACION SINDICAL-No se encuentra probada la violaci\u00f3n\/PLAN DE RETIRO VOLUNTARIO DE EMPRESA-No implica coacci\u00f3n \u00a0 CONCILIACION-Efectos de cosa juzgada \u00a0 Debe reiterarse la improcedencia de la acci\u00f3n de tutela para desconocer el efecto vinculante de actas de conciliaci\u00f3n laboral suscritas sin menoscabo de derechos fundamentales, de manera legal, por personas capaces de disponer y susceptibles de poner fin, con valor de cosa juzgada y por mutuo consentimiento, a relaciones laborales preexistentes. \u00a0Tambi\u00e9n aqu\u00ed, tal como se lo hizo ...<br \/><div class=\"pt-cv-rmwrap\"><a href=\"https:\/\/www.dmsjuridica.com\/buscador_20179478954\/corteconstitucionalcronologico202454587\/t-732-01\/\" class=\"_self pt-cv-readmore btn btn-success\" target=\"_self\">Ver Sentencia Completa...<\/a><\/div><\/div><\/div><\/div>\n<div class=\"col-md-12 col-sm-12 col-xs-12 pt-cv-content-item pt-cv-1-col\" ><div class='pt-cv-ifield'><a href=\"https:\/\/www.dmsjuridica.com\/buscador_20179478954\/corteconstitucionalcronologico202454587\/t-731-01\/\" class=\"_self pt-cv-href-thumbnail pt-cv-thumb-default\" target=\"_self\" ><\/a>\n<div class=\"pt-cv-taxoterm above_title\"><a href='https:\/\/www.dmsjuridica.com\/buscador_20179478954\/corteconstitucionalcronologico202454587\/category\/buscar-en-toda-la-corte\/2001\/tutelas-2001\/' title='Tutelas 2001' class='pt-cv-tax-tutelas-2001'>Tutelas 2001<\/a><\/div>\n<h4 class=\"pt-cv-title\"><a href=\"https:\/\/www.dmsjuridica.com\/buscador_20179478954\/corteconstitucionalcronologico202454587\/t-731-01\/\" class=\"_self\" target=\"_self\" >T-731-01<\/a><\/h4>\n<div class=\"pt-cv-content\">\u00a0 \u00a0 Sentencia T-731\/01 \u00a0 ACCION DE TUTELA CONTRA TRIBUNAL\/FUERO SINDICAL-Vulneraci\u00f3n por despido sin la debida autorizaci\u00f3n judicial\/DERECHO DE ASOCIACION SINDICAL-Vulneraci\u00f3n por despido sin la debida autorizaci\u00f3n judicial\/FUERO SINDICAL-Necesidad de autorizaci\u00f3n judicial para el despido \u00a0 La ley en ning\u00fan momento establece que el permiso judicial previo para despedir trabajadores aforados no se aplique a los casos de reestructuraci\u00f3n de entidades administrativas. \u00a0Por el contrario, la garant\u00eda del fuero sindical, expresamente reconocida en el art\u00edculo 39 de la Constituci\u00f3n, as\u00ed como el derecho de asociaci\u00f3n sindical son aplicables tambi\u00e9n a los servidores p\u00fablicos. \u00a0Al respecto, la Corte se pronunci\u00f3, \u00a0mediante ...<br \/><div class=\"pt-cv-rmwrap\"><a href=\"https:\/\/www.dmsjuridica.com\/buscador_20179478954\/corteconstitucionalcronologico202454587\/t-731-01\/\" class=\"_self pt-cv-readmore btn btn-success\" target=\"_self\">Ver Sentencia Completa...<\/a><\/div><\/div><\/div><\/div>\n<div class=\"col-md-12 col-sm-12 col-xs-12 pt-cv-content-item pt-cv-1-col\" ><div class='pt-cv-ifield'><a href=\"https:\/\/www.dmsjuridica.com\/buscador_20179478954\/corteconstitucionalcronologico202454587\/t-730-01\/\" class=\"_self pt-cv-href-thumbnail pt-cv-thumb-default\" target=\"_self\" ><\/a>\n<div class=\"pt-cv-taxoterm above_title\"><a href='https:\/\/www.dmsjuridica.com\/buscador_20179478954\/corteconstitucionalcronologico202454587\/category\/buscar-en-toda-la-corte\/2001\/tutelas-2001\/' title='Tutelas 2001' class='pt-cv-tax-tutelas-2001'>Tutelas 2001<\/a><\/div>\n<h4 class=\"pt-cv-title\"><a href=\"https:\/\/www.dmsjuridica.com\/buscador_20179478954\/corteconstitucionalcronologico202454587\/t-730-01\/\" class=\"_self\" target=\"_self\" >T-730-01<\/a><\/h4>\n<div class=\"pt-cv-content\">\u00a0 \u00a0 Sentencia T-730\/01 \u00a0 DERECHO DE PETICION-Aplicaci\u00f3n inmediata\/DERECHO DE PETICION-Fundamental \u00a0 DERECHO DE PETICION ANTE ORGANIZACIONES PRIVADAS-Procedencia excepcional \u00a0 ACCION DE TUTELA CONTRA PARTICULARES-Indefensi\u00f3n \u00a0 DERECHO DE PETICION ANTE ORGANIZACIONES PRIVADAS-Dignidad del trabajador hace exigible respuesta de particulares \u00a0 DERECHO DE PETICION-Contestaci\u00f3n de fondo, clara y precisa. \u00a0 Referencia: expediente T-433602 \u00a0 Accionante: Scheneider Su\u00e1rez Reynaldo \u00a0 Demandado: Cooperativa Multiactiva de \u00a0 \u00a0 \u00a0 \u00a0Trabajadores \u00a0de Santander Ltda. \u00a0 Tema: Derecho de petici\u00f3n de inter\u00e9s particular\u00a0 \u00a0 Magistrado Ponente:\u00a0 \u00a0 Dr. RODRIGO ESCOBAR GIL. \u00a0 Bogot\u00e1, D.C., cinco (5) de julio de dos mil uno (2001). \u00a0 La Sala ...<br \/><div class=\"pt-cv-rmwrap\"><a href=\"https:\/\/www.dmsjuridica.com\/buscador_20179478954\/corteconstitucionalcronologico202454587\/t-730-01\/\" class=\"_self pt-cv-readmore btn btn-success\" target=\"_self\">Ver Sentencia Completa...<\/a><\/div><\/div><\/div><\/div>\n<div class=\"col-md-12 col-sm-12 col-xs-12 pt-cv-content-item pt-cv-1-col\" ><div class='pt-cv-ifield'><a href=\"https:\/\/www.dmsjuridica.com\/buscador_20179478954\/corteconstitucionalcronologico202454587\/t-729-01\/\" class=\"_self pt-cv-href-thumbnail pt-cv-thumb-default\" target=\"_self\" ><\/a>\n<div class=\"pt-cv-taxoterm above_title\"><a href='https:\/\/www.dmsjuridica.com\/buscador_20179478954\/corteconstitucionalcronologico202454587\/category\/buscar-en-toda-la-corte\/2001\/tutelas-2001\/' title='Tutelas 2001' class='pt-cv-tax-tutelas-2001'>Tutelas 2001<\/a><\/div>\n<h4 class=\"pt-cv-title\"><a href=\"https:\/\/www.dmsjuridica.com\/buscador_20179478954\/corteconstitucionalcronologico202454587\/t-729-01\/\" class=\"_self\" target=\"_self\" >T-729-01<\/a><\/h4>\n<div class=\"pt-cv-content\">\u00a0 \u00a0 Sentencia T-729\/01 \u00a0 DERECHO A LA SALUD- Pr\u00e1ctica de TAC cerebral\/ADMINISTRADORA DEL REGIMEN SUBSIDIADO-Informaci\u00f3n al afiliado sobre posibilidad de atenci\u00f3n en servicio no incluido en POS.\u00a0 \u00a0 Esta Sala considera que si bien la empresa no est\u00e1 obligada a realizar el examen cerebral requerido por el peticionario, s\u00ed estaba obligada como Entidad Prestadora del Servicio P\u00fablico de Salud, a sumin\u00edstrale la informaci\u00f3n completa, relacionada con la manera de acudir a otras instituciones, para lograr la atenci\u00f3n m\u00e9dica que el paciente requer\u00eda. Es decir, no era suficiente, comunicarle al demandante que conforme a lo dispuesto en normas legales, no ...<br \/><div class=\"pt-cv-rmwrap\"><a href=\"https:\/\/www.dmsjuridica.com\/buscador_20179478954\/corteconstitucionalcronologico202454587\/t-729-01\/\" class=\"_self pt-cv-readmore btn btn-success\" target=\"_self\">Ver Sentencia Completa...<\/a><\/div><\/div><\/div><\/div>\n<div class=\"col-md-12 col-sm-12 col-xs-12 pt-cv-content-item pt-cv-1-col\" ><div class='pt-cv-ifield'><a href=\"https:\/\/www.dmsjuridica.com\/buscador_20179478954\/corteconstitucionalcronologico202454587\/t-728-01\/\" class=\"_self pt-cv-href-thumbnail pt-cv-thumb-default\" target=\"_self\" ><\/a>\n<div class=\"pt-cv-taxoterm above_title\"><a href='https:\/\/www.dmsjuridica.com\/buscador_20179478954\/corteconstitucionalcronologico202454587\/category\/buscar-en-toda-la-corte\/2001\/tutelas-2001\/' title='Tutelas 2001' class='pt-cv-tax-tutelas-2001'>Tutelas 2001<\/a><\/div>\n<h4 class=\"pt-cv-title\"><a href=\"https:\/\/www.dmsjuridica.com\/buscador_20179478954\/corteconstitucionalcronologico202454587\/t-728-01\/\" class=\"_self\" target=\"_self\" >T-728-01<\/a><\/h4>\n<div class=\"pt-cv-content\">\u00a0 \u00a0 Sentencia T-728\/01 \u00a0 DERECHO A LA SALUD DEL INTERNO-Pr\u00e1ctica de cirug\u00eda \u00a0 De acuerdo con la Constituci\u00f3n Pol\u00edtica, el Estado tiene la obligaci\u00f3n de garantizar la salud y la vida digna de todos sus habitantes, mas a\u00fan cuando estos se encuentran privados de la libertad. Al respecto ha sostenido la Corte Constitucional que aunque ciertos derechos de las personas condenadas o detenidas preventivamente pueden ser objeto de limitaci\u00f3n de acuerdo con sus circunstancias, no puede ser desconocido el n\u00facleo esencial de los derechos fundamentales el cual permanece inalterable. En estos eventos, le corresponde al Estado, a trav\u00e9s de ...<br \/><div class=\"pt-cv-rmwrap\"><a href=\"https:\/\/www.dmsjuridica.com\/buscador_20179478954\/corteconstitucionalcronologico202454587\/t-728-01\/\" class=\"_self pt-cv-readmore btn btn-success\" target=\"_self\">Ver Sentencia Completa...<\/a><\/div><\/div><\/div><\/div>\n<div class=\"col-md-12 col-sm-12 col-xs-12 pt-cv-content-item pt-cv-1-col\" ><div class='pt-cv-ifield'><a href=\"https:\/\/www.dmsjuridica.com\/buscador_20179478954\/corteconstitucionalcronologico202454587\/t-727-01\/\" class=\"_self pt-cv-href-thumbnail pt-cv-thumb-default\" target=\"_self\" ><\/a>\n<div class=\"pt-cv-taxoterm above_title\"><a href='https:\/\/www.dmsjuridica.com\/buscador_20179478954\/corteconstitucionalcronologico202454587\/category\/buscar-en-toda-la-corte\/2001\/tutelas-2001\/' title='Tutelas 2001' class='pt-cv-tax-tutelas-2001'>Tutelas 2001<\/a><\/div>\n<h4 class=\"pt-cv-title\"><a href=\"https:\/\/www.dmsjuridica.com\/buscador_20179478954\/corteconstitucionalcronologico202454587\/t-727-01\/\" class=\"_self\" target=\"_self\" >T-727-01<\/a><\/h4>\n<div class=\"pt-cv-content\">\u00a0 \u00a0 Sentencia T-727\/01 \u00a0 ACCION DE TUTELA-Improcedencia para reintegro al cargo\/ENTIDAD DEL ORDEN DISTRITAL-Reestructuraci\u00f3n \u00a0 La acci\u00f3n de tutela debe interponerse en un plazo razonable con la finalidad que pueda constituirse en una medida proporcional y adecuada \u00a0para la protecci\u00f3n de los derechos fundamentales presuntamente conculcados, y por exigencia de la seguridad jur\u00eddica para que los derechos de los terceros \u00a0no sufran menoscabo, debido a la inestabilidad que produce el ejercicio inoportuno de la citada acci\u00f3n. \u00a0 \u00a0 \u00a0 ACCION DE TUTELA-T\u00e9rmino de presentaci\u00f3n \u00a0 La Empresa Distrital de Servicios P\u00fablicos \u2013EDIS-, \u00a0fue suprimida y legalmente liquidada mediante unos ...<br \/><div class=\"pt-cv-rmwrap\"><a href=\"https:\/\/www.dmsjuridica.com\/buscador_20179478954\/corteconstitucionalcronologico202454587\/t-727-01\/\" class=\"_self pt-cv-readmore btn btn-success\" target=\"_self\">Ver Sentencia Completa...<\/a><\/div><\/div><\/div><\/div>\n<div class=\"col-md-12 col-sm-12 col-xs-12 pt-cv-content-item pt-cv-1-col\" ><div class='pt-cv-ifield'><a href=\"https:\/\/www.dmsjuridica.com\/buscador_20179478954\/corteconstitucionalcronologico202454587\/t-726-01\/\" class=\"_self pt-cv-href-thumbnail pt-cv-thumb-default\" target=\"_self\" ><\/a>\n<div class=\"pt-cv-taxoterm above_title\"><a href='https:\/\/www.dmsjuridica.com\/buscador_20179478954\/corteconstitucionalcronologico202454587\/category\/buscar-en-toda-la-corte\/2001\/tutelas-2001\/' title='Tutelas 2001' class='pt-cv-tax-tutelas-2001'>Tutelas 2001<\/a><\/div>\n<h4 class=\"pt-cv-title\"><a href=\"https:\/\/www.dmsjuridica.com\/buscador_20179478954\/corteconstitucionalcronologico202454587\/t-726-01\/\" class=\"_self\" target=\"_self\" >T-726-01<\/a><\/h4>\n<div class=\"pt-cv-content\">\u00a0 \u00a0 Sentencia T-726\/01 \u00a0 DERECHO A LA SEGURIDAD SOCIAL-Fundamental por conexidad\/DERECHO AL MINIMO VITAL DEL PENSIONADO-Presunci\u00f3n de afectaci\u00f3n por no pago oportuno de mesadas \u00a0 ACCION DE TUTELA-Hecho superado por pago de mesadas pensionales \u00a0 Reiteraci\u00f3n de Jurisprudencia \u00a0 Referencia: expediente T - 432 821 \u00a0 Acci\u00f3n de tutela instaurada por Carlos Edgar Quesada Rengifo, contra el Municipio de Santiago de Cali y otros. \u00a0 Magistrado Ponente: \u00a0 Dr. JAIME ARAUJO RENTERIA \u00a0 Bogot\u00e1 D. C., a los nueve (9) d\u00edas del mes de julio del a\u00f1o dos mil uno (2001). \u00a0 La Sala Primera de Revisi\u00f3n de la ...<br \/><div class=\"pt-cv-rmwrap\"><a href=\"https:\/\/www.dmsjuridica.com\/buscador_20179478954\/corteconstitucionalcronologico202454587\/t-726-01\/\" class=\"_self pt-cv-readmore btn btn-success\" target=\"_self\">Ver Sentencia Completa...<\/a><\/div><\/div><\/div><\/div>\n<div class=\"col-md-12 col-sm-12 col-xs-12 pt-cv-content-item pt-cv-1-col\" ><div class='pt-cv-ifield'><a href=\"https:\/\/www.dmsjuridica.com\/buscador_20179478954\/corteconstitucionalcronologico202454587\/t-725-01\/\" class=\"_self pt-cv-href-thumbnail pt-cv-thumb-default\" target=\"_self\" ><\/a>\n<div class=\"pt-cv-taxoterm above_title\"><a href='https:\/\/www.dmsjuridica.com\/buscador_20179478954\/corteconstitucionalcronologico202454587\/category\/buscar-en-toda-la-corte\/2001\/tutelas-2001\/' title='Tutelas 2001' class='pt-cv-tax-tutelas-2001'>Tutelas 2001<\/a><\/div>\n<h4 class=\"pt-cv-title\"><a href=\"https:\/\/www.dmsjuridica.com\/buscador_20179478954\/corteconstitucionalcronologico202454587\/t-725-01\/\" class=\"_self\" target=\"_self\" >T-725-01<\/a><\/h4>\n<div class=\"pt-cv-content\">\u00a0 \u00a0 Sentencia T-725\/01 \u00a0 ACCION DE TUTELA-Procedencia excepcional pago de acreencias laborales \u00a0 DERECHO AL MINIMO VITAL DEL TRABAJADOR-Presunci\u00f3n de afectaci\u00f3n por ausencia prolongada en pago de salarios \u00a0 DERECHO AL MINIMO VITAL DEL TRABAJADOR-Pago oportuno de salarios \u00a0 Referencia: expedientes acumulados \u00a0 \u00a0 \u00a0 \u00a0 \u00a0 \u00a0 \u00a0 \u00a0 \u00a0 \u00a0 \u00a0 \u00a0 \u00a0 \u00a0 \u00a0 \u00a0 \u00a0 \u00a0 \u00a0 \u00a0 \u00a0 \u00a0 \u00a0 \u00a0 \u00a0 \u00a0 \u00a0 \u00a0T-432666 y T-432667 \u00a0 Acci\u00f3n de tutela incoada por Yolenis Contreras Mej\u00eda y Norma Mileth Lozada Daza contra la Contralor\u00eda Municipal de Maicao. \u00a0 Magistrado Ponente: \u00a0 Dr. JAIME ARAUJO ...<br \/><div class=\"pt-cv-rmwrap\"><a href=\"https:\/\/www.dmsjuridica.com\/buscador_20179478954\/corteconstitucionalcronologico202454587\/t-725-01\/\" class=\"_self pt-cv-readmore btn btn-success\" target=\"_self\">Ver Sentencia Completa...<\/a><\/div><\/div><\/div><\/div>\n<div class=\"col-md-12 col-sm-12 col-xs-12 pt-cv-content-item pt-cv-1-col\" ><div class='pt-cv-ifield'><a href=\"https:\/\/www.dmsjuridica.com\/buscador_20179478954\/corteconstitucionalcronologico202454587\/t-724-01\/\" class=\"_self pt-cv-href-thumbnail pt-cv-thumb-default\" target=\"_self\" ><\/a>\n<div class=\"pt-cv-taxoterm above_title\"><a href='https:\/\/www.dmsjuridica.com\/buscador_20179478954\/corteconstitucionalcronologico202454587\/category\/buscar-en-toda-la-corte\/2001\/tutelas-2001\/' title='Tutelas 2001' class='pt-cv-tax-tutelas-2001'>Tutelas 2001<\/a><\/div>\n<h4 class=\"pt-cv-title\"><a href=\"https:\/\/www.dmsjuridica.com\/buscador_20179478954\/corteconstitucionalcronologico202454587\/t-724-01\/\" class=\"_self\" target=\"_self\" >T-724-01<\/a><\/h4>\n<div class=\"pt-cv-content\">\u00a0 \u00a0 Sentencia T-724\/01 \u00a0 MUJER TRABAJADORA EMBARAZADA-Prueba de afectaci\u00f3n \u00a0del m\u00ednimo vital \u00a0 MEDIO DE DEFENSA JUDICIAL-Reintegro por despido en periodo de lactancia \u00a0 Reiteraci\u00f3n de Jurisprudencia \u00a0 Referencia: expediente T - 431 796 \u00a0 Acci\u00f3n de tutela instaurada por Marcela Carvajal P\u00e9rez contra el Banco Santander. \u00a0 Magistrado Ponente: \u00a0 Dr. JAIME ARAUJO RENTERIA \u00a0 Bogot\u00e1, D. C., a los nueve (9) d\u00edas del mes de julio del a\u00f1o dos mil uno (2001). \u00a0 La Sala Primera de Revisi\u00f3n de la Corte Constitucional, en ejercicio de sus competencias constitucionales y legales, en particular las contenidas en los art\u00edculos ...<br \/><div class=\"pt-cv-rmwrap\"><a href=\"https:\/\/www.dmsjuridica.com\/buscador_20179478954\/corteconstitucionalcronologico202454587\/t-724-01\/\" class=\"_self pt-cv-readmore btn btn-success\" target=\"_self\">Ver Sentencia Completa...<\/a><\/div><\/div><\/div><\/div>\n<div class=\"col-md-12 col-sm-12 col-xs-12 pt-cv-content-item pt-cv-1-col\" ><div class='pt-cv-ifield'><a href=\"https:\/\/www.dmsjuridica.com\/buscador_20179478954\/corteconstitucionalcronologico202454587\/t-723-01\/\" class=\"_self pt-cv-href-thumbnail pt-cv-thumb-default\" target=\"_self\" ><\/a>\n<div class=\"pt-cv-taxoterm above_title\"><a href='https:\/\/www.dmsjuridica.com\/buscador_20179478954\/corteconstitucionalcronologico202454587\/category\/buscar-en-toda-la-corte\/2001\/tutelas-2001\/' title='Tutelas 2001' class='pt-cv-tax-tutelas-2001'>Tutelas 2001<\/a><\/div>\n<h4 class=\"pt-cv-title\"><a href=\"https:\/\/www.dmsjuridica.com\/buscador_20179478954\/corteconstitucionalcronologico202454587\/t-723-01\/\" class=\"_self\" target=\"_self\" >T-723-01<\/a><\/h4>\n<div class=\"pt-cv-content\">\u00a0 \u00a0 Sentencia T-723\/01 \u00a0 DERECHO A LA SALUD- Suministro de medicamento para la pr\u00f3stata \u00a0 Reiteraci\u00f3n de Jurisprudencia \u00a0 Referencia: expediente T-412 951 \u00a0 Acci\u00f3n de tutela instaurada por Angel Mar\u00eda C\u00f3rdoba contra CAJANAL E.P.S. Seccional Nari\u00f1o. \u00a0 Magistrado Ponente: \u00a0 Bogot\u00e1 D. C., a los nueve (9) d\u00edas del mes de julio del a\u00f1o dos mil uno (2001). \u00a0 La Sala Primera de Revisi\u00f3n de la Corte Constitucional, en ejercicio de sus competencias constitucionales y legales, espec\u00edficamente las previstas en los art\u00edculos 86 y 241, numeral 9, de la Constituci\u00f3n Pol\u00edtica y en el Decreto 2591 de 1991, ...<br \/><div class=\"pt-cv-rmwrap\"><a href=\"https:\/\/www.dmsjuridica.com\/buscador_20179478954\/corteconstitucionalcronologico202454587\/t-723-01\/\" class=\"_self pt-cv-readmore btn btn-success\" target=\"_self\">Ver Sentencia Completa...<\/a><\/div><\/div><\/div><\/div>\n<div class=\"col-md-12 col-sm-12 col-xs-12 pt-cv-content-item pt-cv-1-col\" ><div class='pt-cv-ifield'><a href=\"https:\/\/www.dmsjuridica.com\/buscador_20179478954\/corteconstitucionalcronologico202454587\/t-722-01\/\" class=\"_self pt-cv-href-thumbnail pt-cv-thumb-default\" target=\"_self\" ><\/a>\n<div class=\"pt-cv-taxoterm above_title\"><a href='https:\/\/www.dmsjuridica.com\/buscador_20179478954\/corteconstitucionalcronologico202454587\/category\/buscar-en-toda-la-corte\/2001\/tutelas-2001\/' title='Tutelas 2001' class='pt-cv-tax-tutelas-2001'>Tutelas 2001<\/a><\/div>\n<h4 class=\"pt-cv-title\"><a href=\"https:\/\/www.dmsjuridica.com\/buscador_20179478954\/corteconstitucionalcronologico202454587\/t-722-01\/\" class=\"_self\" target=\"_self\" >T-722-01<\/a><\/h4>\n<div class=\"pt-cv-content\">\u00a0 \u00a0 Sentencia T-722\/01 \u00a0 DERECHO A LA SALUD-Suministro de medicamento para el acn\u00e9 \u00a0 Reiteraci\u00f3n de Jurisprudencia \u00a0 Referencia: expediente T-431832 \u00a0 Acci\u00f3n de tutela instaurada por Yulder Alfonso Galindo Jim\u00e9nez en contra de la Caja Nacional de Previsi\u00f3n Social -CAJANAL-, Seccional Bogot\u00e1.\u00a0 \u00a0 Magistrado Ponente: \u00a0 Dr. RODRIGO ESCOBAR GIL \u00a0 Bogot\u00e1 D.C., a los cinco (5) d\u00edas del mes de julio mil uno (2001). \u00a0 La Sala Quinta de Revisi\u00f3n de la Corte Constitucional, en ejercicio de sus competencias constitucionales y legales, espec\u00edficamente las previstas en los art\u00edculos 86 y 241, numeral 9, de la Constituci\u00f3n Pol\u00edtica ...<br \/><div class=\"pt-cv-rmwrap\"><a href=\"https:\/\/www.dmsjuridica.com\/buscador_20179478954\/corteconstitucionalcronologico202454587\/t-722-01\/\" class=\"_self pt-cv-readmore btn btn-success\" target=\"_self\">Ver Sentencia Completa...<\/a><\/div><\/div><\/div><\/div>\n<div class=\"col-md-12 col-sm-12 col-xs-12 pt-cv-content-item pt-cv-1-col\" ><div class='pt-cv-ifield'><a href=\"https:\/\/www.dmsjuridica.com\/buscador_20179478954\/corteconstitucionalcronologico202454587\/t-720-01\/\" class=\"_self pt-cv-href-thumbnail pt-cv-thumb-default\" target=\"_self\" ><\/a>\n<div class=\"pt-cv-taxoterm above_title\"><a href='https:\/\/www.dmsjuridica.com\/buscador_20179478954\/corteconstitucionalcronologico202454587\/category\/buscar-en-toda-la-corte\/2001\/tutelas-2001\/' title='Tutelas 2001' class='pt-cv-tax-tutelas-2001'>Tutelas 2001<\/a><\/div>\n<h4 class=\"pt-cv-title\"><a href=\"https:\/\/www.dmsjuridica.com\/buscador_20179478954\/corteconstitucionalcronologico202454587\/t-720-01\/\" class=\"_self\" target=\"_self\" >T-720-01<\/a><\/h4>\n<div class=\"pt-cv-content\">\u00a0 \u00a0 Sentencia T-720\/01 \u00a0 ACCION DE TUTELA-Procedencia excepcional pago de mesadas pensionales \u00a0 DERECHO AL MINIMO VITAL DEL PENSIONADO-Pago oportuno de mesadas \u00a0 Reiteraci\u00f3n de Jurisprudencia \u00a0 Referencia: expediente T-431138 \u00a0 Acci\u00f3n de tutela instaurada por \u00c1ngel Alberto Acu\u00f1a Arrieta contra la Alcald\u00eda Distrital y el Fondo Territorial de Pensiones de Barranquilla. \u00a0 Magistrado Ponente\u00a0:\u00a0 \u00a0 Dr. RODRIGO ESCOBAR GIL \u00a0 Bogot\u00e1 D.C., a los cinco (5) d\u00edas del mes de julio de dos mil uno (2.001). \u00a0 La Sala Quinta de Revisi\u00f3n de la Corte Constitucional, en ejercicio de sus competencias constitucionales y legales, en particular las contenidas ...<br \/><div class=\"pt-cv-rmwrap\"><a href=\"https:\/\/www.dmsjuridica.com\/buscador_20179478954\/corteconstitucionalcronologico202454587\/t-720-01\/\" class=\"_self pt-cv-readmore btn btn-success\" target=\"_self\">Ver Sentencia Completa...<\/a><\/div><\/div><\/div><\/div>\n<div class=\"col-md-12 col-sm-12 col-xs-12 pt-cv-content-item pt-cv-1-col\" ><div class='pt-cv-ifield'><a href=\"https:\/\/www.dmsjuridica.com\/buscador_20179478954\/corteconstitucionalcronologico202454587\/t-719-01\/\" class=\"_self pt-cv-href-thumbnail pt-cv-thumb-default\" target=\"_self\" ><\/a>\n<div class=\"pt-cv-taxoterm above_title\"><a href='https:\/\/www.dmsjuridica.com\/buscador_20179478954\/corteconstitucionalcronologico202454587\/category\/buscar-en-toda-la-corte\/2001\/tutelas-2001\/' title='Tutelas 2001' class='pt-cv-tax-tutelas-2001'>Tutelas 2001<\/a><\/div>\n<h4 class=\"pt-cv-title\"><a href=\"https:\/\/www.dmsjuridica.com\/buscador_20179478954\/corteconstitucionalcronologico202454587\/t-719-01\/\" class=\"_self\" target=\"_self\" >T-719-01<\/a><\/h4>\n<div class=\"pt-cv-content\">\u00a0 \u00a0 Sentencia T-719\/01 \u00a0 ACCION DE TUTELA-Procedencia excepcional pago de acreencias laborales \u00a0 DERECHO AL MINIMO VITAL DEL TRABAJADOR-Presunci\u00f3n de afectaci\u00f3n por ausencia prolongada en pago de salarios \u00a0 DERECHO AL MINIMO VITAL DEL TRABAJADOR-Pago oportuno de salarios \u00a0 EMPLEADOR-Situaci\u00f3n econ\u00f3mica o presupuestal no es \u00f3bice para desconocer obligaciones laborales \u00a0 Reiteraci\u00f3n de Jurisprudencia \u00a0 Referencia: expediente T-433451 \u00a0 Acci\u00f3n de tutela instaurada por Jhon James Ospina Rangel contra el Municipio de Jeric\u00f3 (Antioquia). \u00a0 Magistrado Ponente: \u00a0 Dr. RODRIGO ESCOBAR GIL \u00a0 Bogot\u00e1 D.C., a los cinco (5) d\u00edas del mes de julio de dos mil uno (2001) ...<br \/><div class=\"pt-cv-rmwrap\"><a href=\"https:\/\/www.dmsjuridica.com\/buscador_20179478954\/corteconstitucionalcronologico202454587\/t-719-01\/\" class=\"_self pt-cv-readmore btn btn-success\" target=\"_self\">Ver Sentencia Completa...<\/a><\/div><\/div><\/div><\/div>\n<div class=\"col-md-12 col-sm-12 col-xs-12 pt-cv-content-item pt-cv-1-col\" ><div class='pt-cv-ifield'><a href=\"https:\/\/www.dmsjuridica.com\/buscador_20179478954\/corteconstitucionalcronologico202454587\/t-718-01\/\" class=\"_self pt-cv-href-thumbnail pt-cv-thumb-default\" target=\"_self\" ><\/a>\n<div class=\"pt-cv-taxoterm above_title\"><a href='https:\/\/www.dmsjuridica.com\/buscador_20179478954\/corteconstitucionalcronologico202454587\/category\/buscar-en-toda-la-corte\/2001\/tutelas-2001\/' title='Tutelas 2001' class='pt-cv-tax-tutelas-2001'>Tutelas 2001<\/a><\/div>\n<h4 class=\"pt-cv-title\"><a href=\"https:\/\/www.dmsjuridica.com\/buscador_20179478954\/corteconstitucionalcronologico202454587\/t-718-01\/\" class=\"_self\" target=\"_self\" >T-718-01<\/a><\/h4>\n<div class=\"pt-cv-content\">\u00a0 \u00a0 Sentencia T-718\/01 \u00a0 ACCION DE TUTELA CONTRA SUPERINTENDENCIA BANCARIA-Determinaci\u00f3n si conducta procesal vulner\u00f3 derecho al debido proceso\/ACCION DE TUTELA CONTRA SUPERINTENDENCIA BANCARIA-Imposici\u00f3n de multa. \u00a0 En el caso objeto de revisi\u00f3n, no encuentra la Sala que las actuaciones desarrolladas por la Superintendencia Bancaria, ya sea aquellas adelantadas por el Superintendente Delegado o por la misma Superintendente Bancaria, atenten contra el derecho fundamental al debido proceso. La actora agot\u00f3 los recursos que en sede de la v\u00eda administrativa le permit\u00eda controvertir las decisiones proferidas por la mencionada Superintendencia. Agotada esta etapa, y en ejercicio de su leg\u00edtimo derecho al ...<br \/><div class=\"pt-cv-rmwrap\"><a href=\"https:\/\/www.dmsjuridica.com\/buscador_20179478954\/corteconstitucionalcronologico202454587\/t-718-01\/\" class=\"_self pt-cv-readmore btn btn-success\" target=\"_self\">Ver Sentencia Completa...<\/a><\/div><\/div><\/div><\/div>\n<div class=\"col-md-12 col-sm-12 col-xs-12 pt-cv-content-item pt-cv-1-col\" ><div class='pt-cv-ifield'><a href=\"https:\/\/www.dmsjuridica.com\/buscador_20179478954\/corteconstitucionalcronologico202454587\/t-717-01\/\" class=\"_self pt-cv-href-thumbnail pt-cv-thumb-default\" target=\"_self\" ><\/a>\n<div class=\"pt-cv-taxoterm above_title\"><a href='https:\/\/www.dmsjuridica.com\/buscador_20179478954\/corteconstitucionalcronologico202454587\/category\/buscar-en-toda-la-corte\/2001\/tutelas-2001\/' title='Tutelas 2001' class='pt-cv-tax-tutelas-2001'>Tutelas 2001<\/a><\/div>\n<h4 class=\"pt-cv-title\"><a href=\"https:\/\/www.dmsjuridica.com\/buscador_20179478954\/corteconstitucionalcronologico202454587\/t-717-01\/\" class=\"_self\" target=\"_self\" >T-717-01<\/a><\/h4>\n<div class=\"pt-cv-content\">\u00a0 \u00a0 Sentencia T-717\/01 \u00a0 BONOS PENSIONALES-Procedencia de tutela para reclamar la remisi\u00f3n \u00a0 DERECHOS FUNDAMENTALES-Vulneraci\u00f3n cuando demora en la emisi\u00f3n del bono pensional impide acceso a pensi\u00f3n de jubilaci\u00f3n \u00a0 BONOS PENSIONALES-Pronta tramitaci\u00f3n \u00a0 Referencia: expediente \u00a0T-432892 \u00a0 Acci\u00f3n de tutela instaurada por Dario Restrepo Arango contra el Polit\u00e9cnico Colombiano \" Jaime Isaza Cadavid\". \u00a0 Magistrado Ponente: \u00a0 Dr. EDUARDO MONTEALEGRE LYNETT. \u00a0 Bogot\u00e1 D.C., julio cinco (5) de dos mil uno (2001). \u00a0 La Sala S\u00e9ptima de Revisi\u00f3n de la Corte Constitucional, integrada por los Magistrados Eduardo Montealegre Lynett, Alvaro Tafur G\u00e1lvis y Clara In\u00e9s Vargas Hern\u00e1ndez, en ...<br \/><div class=\"pt-cv-rmwrap\"><a href=\"https:\/\/www.dmsjuridica.com\/buscador_20179478954\/corteconstitucionalcronologico202454587\/t-717-01\/\" class=\"_self pt-cv-readmore btn btn-success\" target=\"_self\">Ver Sentencia Completa...<\/a><\/div><\/div><\/div><\/div>\n<div class=\"col-md-12 col-sm-12 col-xs-12 pt-cv-content-item pt-cv-1-col\" ><div class='pt-cv-ifield'><a href=\"https:\/\/www.dmsjuridica.com\/buscador_20179478954\/corteconstitucionalcronologico202454587\/t-716-01\/\" class=\"_self pt-cv-href-thumbnail pt-cv-thumb-default\" target=\"_self\" ><\/a>\n<div class=\"pt-cv-taxoterm above_title\"><a href='https:\/\/www.dmsjuridica.com\/buscador_20179478954\/corteconstitucionalcronologico202454587\/category\/buscar-en-toda-la-corte\/2001\/tutelas-2001\/' title='Tutelas 2001' class='pt-cv-tax-tutelas-2001'>Tutelas 2001<\/a><\/div>\n<h4 class=\"pt-cv-title\"><a href=\"https:\/\/www.dmsjuridica.com\/buscador_20179478954\/corteconstitucionalcronologico202454587\/t-716-01\/\" class=\"_self\" target=\"_self\" >T-716-01<\/a><\/h4>\n<div class=\"pt-cv-content\">\u00a0 \u00a0 Sentencia T-716\/01 \u00a0 ACCION DE TUTELA-Procedencia excepcional pago de salarios\/DERECHO AL MINIMO VITAL DEL TRABAJADOR-Pago oportuno de salarios \u00a0 DERECHO AL MINIMO VITAL DEL TRABAJADOR-Presunci\u00f3n de afectaci\u00f3n por ausencia prolongada en pago de salarios \u00a0 Referencia: expediente T-430754. Acci\u00f3n de tutela interpuesta por Nelly Amparo Medina Berm\u00fadez contra el municipio de Santiago de Cali, Valle.\u00a0 \u00a0 Magistrada Ponente: \u00a0Dra. CLARA INES VARGAS HERNANDEZ \u00a0 Bogot\u00e1, \u00a0D. C., cinco (5) de julio de dos mil uno (2001). \u00a0 SENTENCIA \u00a0 En el proceso de revisi\u00f3n del fallo de 12 de enero de 2001 mediante el cual el Tribunal Contencioso ...<br \/><div class=\"pt-cv-rmwrap\"><a href=\"https:\/\/www.dmsjuridica.com\/buscador_20179478954\/corteconstitucionalcronologico202454587\/t-716-01\/\" class=\"_self pt-cv-readmore btn btn-success\" target=\"_self\">Ver Sentencia Completa...<\/a><\/div><\/div><\/div><\/div>\n<div class=\"col-md-12 col-sm-12 col-xs-12 pt-cv-content-item pt-cv-1-col\" ><div class='pt-cv-ifield'><a href=\"https:\/\/www.dmsjuridica.com\/buscador_20179478954\/corteconstitucionalcronologico202454587\/t-715-01\/\" class=\"_self pt-cv-href-thumbnail pt-cv-thumb-default\" target=\"_self\" ><\/a>\n<div class=\"pt-cv-taxoterm above_title\"><a href='https:\/\/www.dmsjuridica.com\/buscador_20179478954\/corteconstitucionalcronologico202454587\/category\/buscar-en-toda-la-corte\/2001\/tutelas-2001\/' title='Tutelas 2001' class='pt-cv-tax-tutelas-2001'>Tutelas 2001<\/a><\/div>\n<h4 class=\"pt-cv-title\"><a href=\"https:\/\/www.dmsjuridica.com\/buscador_20179478954\/corteconstitucionalcronologico202454587\/t-715-01\/\" class=\"_self\" target=\"_self\" >T-715-01<\/a><\/h4>\n<div class=\"pt-cv-content\">\u00a0 \u00a0 Sentencia T-715\/01 \u00a0 ACCION DE TUTELA-Procedencia excepcional pago de acreencias laborales \u00a0 EMPLEADOR-Situaci\u00f3n econ\u00f3mica o presupuestal no es \u00f3bice para desconocer obligaciones laborales \u00a0 DOCTRINA CONSTITUCIONAL EN TUTELA-Alcance\/SENTENCIA DE REVISION DE TUTELA-Doble aspecto \u00a0 DERECHO AL MINIMO VITAL DEL TRABAJADOR-Pago oportuno de salarios \u00a0 Referencia: expediente T-416412. Acci\u00f3n de tutela formulada por William de Jes\u00fas Amaya Bol\u00edvar contra la Alcald\u00eda y la Contralor\u00eda Municipal de Maicao (Guajira).\u00a0 \u00a0 Dra. CLARA INES VARGAS HERNANDEZ \u00a0 Bogot\u00e1, \u00a0D. C., cinco (5) de julio de dos mil uno (2001)\u00a0 \u00a0 La Sala Novena de Revisi\u00f3n de la Corte Constitucional, integrada por ...<br \/><div class=\"pt-cv-rmwrap\"><a href=\"https:\/\/www.dmsjuridica.com\/buscador_20179478954\/corteconstitucionalcronologico202454587\/t-715-01\/\" class=\"_self pt-cv-readmore btn btn-success\" target=\"_self\">Ver Sentencia Completa...<\/a><\/div><\/div><\/div><\/div>\n<div class=\"col-md-12 col-sm-12 col-xs-12 pt-cv-content-item pt-cv-1-col\" ><div class='pt-cv-ifield'><a href=\"https:\/\/www.dmsjuridica.com\/buscador_20179478954\/corteconstitucionalcronologico202454587\/t-704-01\/\" class=\"_self pt-cv-href-thumbnail pt-cv-thumb-default\" target=\"_self\" ><\/a>\n<div class=\"pt-cv-taxoterm above_title\"><a href='https:\/\/www.dmsjuridica.com\/buscador_20179478954\/corteconstitucionalcronologico202454587\/category\/buscar-en-toda-la-corte\/2001\/tutelas-2001\/' title='Tutelas 2001' class='pt-cv-tax-tutelas-2001'>Tutelas 2001<\/a><\/div>\n<h4 class=\"pt-cv-title\"><a href=\"https:\/\/www.dmsjuridica.com\/buscador_20179478954\/corteconstitucionalcronologico202454587\/t-704-01\/\" class=\"_self\" target=\"_self\" >T-704-01<\/a><\/h4>\n<div class=\"pt-cv-content\">\u00a0 \u00a0 Sentencia T-704\/01 \u00a0 DERECHO AL TRABAJO EN CONDICIONES DIGNAS Y JUSTAS-Traslado de docente por enfermedad\/DERECHO A LA SALUD-Traslado de docente por enfermedad. \u00a0 Consta en el expediente prueba de que la accionante padece de Artosis LS-51. Tal enfermedad, que viene padeciendo de tiempo atr\u00e1s, se ha visto agravada con los desplazamientos que ella tiene que realizar diariamente del municipio de M\u00e1laga al municipio de Pangote. Es tan delicado su estado de salud que en dos ocasiones se le ha determinado incapacidad laboral por tal motivo. Sorprende a esta Sala de Revisi\u00f3n que los jueces de instancia hayan hecho ...<br \/><div class=\"pt-cv-rmwrap\"><a href=\"https:\/\/www.dmsjuridica.com\/buscador_20179478954\/corteconstitucionalcronologico202454587\/t-704-01\/\" class=\"_self pt-cv-readmore btn btn-success\" target=\"_self\">Ver Sentencia Completa...<\/a><\/div><\/div><\/div><\/div>\n<div class=\"col-md-12 col-sm-12 col-xs-12 pt-cv-content-item pt-cv-1-col\" ><div class='pt-cv-ifield'><a href=\"https:\/\/www.dmsjuridica.com\/buscador_20179478954\/corteconstitucionalcronologico202454587\/t-703-01\/\" class=\"_self pt-cv-href-thumbnail pt-cv-thumb-default\" target=\"_self\" ><\/a>\n<div class=\"pt-cv-taxoterm above_title\"><a href='https:\/\/www.dmsjuridica.com\/buscador_20179478954\/corteconstitucionalcronologico202454587\/category\/buscar-en-toda-la-corte\/2001\/tutelas-2001\/' title='Tutelas 2001' class='pt-cv-tax-tutelas-2001'>Tutelas 2001<\/a><\/div>\n<h4 class=\"pt-cv-title\"><a href=\"https:\/\/www.dmsjuridica.com\/buscador_20179478954\/corteconstitucionalcronologico202454587\/t-703-01\/\" class=\"_self\" target=\"_self\" >T-703-01<\/a><\/h4>\n<div class=\"pt-cv-content\">\u00a0 \u00a0 Sentencia T-703\/01 \u00a0 ACCION DE TUTELA CONTRA PROVIDENCIAS JUDICIALES-Inexistencia de v\u00eda de hecho por notificaci\u00f3n en proceso laboral \u00a0 El juez no omiti\u00f3 ning\u00fan esfuerzo para realizar la notificaci\u00f3n seg\u00fan los datos aportados por el demandante. No era tarea del juez asumir de oficio la b\u00fasqueda de la direcci\u00f3n para notificaci\u00f3n. Por tanto, se deduce que en la notificaci\u00f3n al demandante no se desconocieron las normas procesales. Con respecto a la omisi\u00f3n de la exigencia de juramento expreso del desconocimiento del domicilio del demandado, esta Sala considera que no existe norma legal que obligue al Juez Laboral a ...<br \/><div class=\"pt-cv-rmwrap\"><a href=\"https:\/\/www.dmsjuridica.com\/buscador_20179478954\/corteconstitucionalcronologico202454587\/t-703-01\/\" class=\"_self pt-cv-readmore btn btn-success\" target=\"_self\">Ver Sentencia Completa...<\/a><\/div><\/div><\/div><\/div>\n<div class=\"col-md-12 col-sm-12 col-xs-12 pt-cv-content-item pt-cv-1-col\" ><div class='pt-cv-ifield'><a href=\"https:\/\/www.dmsjuridica.com\/buscador_20179478954\/corteconstitucionalcronologico202454587\/t-702-01\/\" class=\"_self pt-cv-href-thumbnail pt-cv-thumb-default\" target=\"_self\" ><\/a>\n<div class=\"pt-cv-taxoterm above_title\"><a href='https:\/\/www.dmsjuridica.com\/buscador_20179478954\/corteconstitucionalcronologico202454587\/category\/buscar-en-toda-la-corte\/2001\/tutelas-2001\/' title='Tutelas 2001' class='pt-cv-tax-tutelas-2001'>Tutelas 2001<\/a><\/div>\n<h4 class=\"pt-cv-title\"><a href=\"https:\/\/www.dmsjuridica.com\/buscador_20179478954\/corteconstitucionalcronologico202454587\/t-702-01\/\" class=\"_self\" target=\"_self\" >T-702-01<\/a><\/h4>\n<div class=\"pt-cv-content\">\u00a0 \u00a0 REP\u00daBLICA DE COLOMBIA \u00a0 \u00a0 CORTE CONSTITUCIONAL\u00a0 \u00a0 Sala Segunda de Revisi\u00f3n \u00a0 Sentencia T-702\/01 \u00a0 ESTABLECIMIENTO CARCELARIO-Respeto a la dignidad de las personas privadas de la libertad \u00a0 La persona recluida en un centro carcelario mantiene su dignidad humana, como lo reconoce el art\u00edculo 5\u00ba constitucional al expresar que \"el Estado reconoce, sin discriminaci\u00f3n alguna, la primac\u00eda de los derechos inalienables de la persona\". El hecho de la reclusi\u00f3n no implica la p\u00e9rdida de la condici\u00f3n de ser humano; \u00a0la funci\u00f3n y finalidad de la pena, son la protecci\u00f3n de la sociedad, la prevenci\u00f3n del delito y, ...<br \/><div class=\"pt-cv-rmwrap\"><a href=\"https:\/\/www.dmsjuridica.com\/buscador_20179478954\/corteconstitucionalcronologico202454587\/t-702-01\/\" class=\"_self pt-cv-readmore btn btn-success\" target=\"_self\">Ver Sentencia Completa...<\/a><\/div><\/div><\/div><\/div>\n<div class=\"col-md-12 col-sm-12 col-xs-12 pt-cv-content-item pt-cv-1-col\" ><div class='pt-cv-ifield'><a href=\"https:\/\/www.dmsjuridica.com\/buscador_20179478954\/corteconstitucionalcronologico202454587\/t-701-01\/\" class=\"_self pt-cv-href-thumbnail pt-cv-thumb-default\" target=\"_self\" ><\/a>\n<div class=\"pt-cv-taxoterm above_title\"><a href='https:\/\/www.dmsjuridica.com\/buscador_20179478954\/corteconstitucionalcronologico202454587\/category\/buscar-en-toda-la-corte\/2001\/tutelas-2001\/' title='Tutelas 2001' class='pt-cv-tax-tutelas-2001'>Tutelas 2001<\/a><\/div>\n<h4 class=\"pt-cv-title\"><a href=\"https:\/\/www.dmsjuridica.com\/buscador_20179478954\/corteconstitucionalcronologico202454587\/t-701-01\/\" class=\"_self\" target=\"_self\" >T-701-01<\/a><\/h4>\n<div class=\"pt-cv-content\">\u00a0 \u00a0 Sentencia T-701\/01 \u00a0 DERECHO A LA SUBSISTENCIA DEL PENSIONADO-Pago oportuno de mesadas \u00a0 DERECHO AL MINIMO VITAL-Prueba de la amenaza \u00a0 Referencia: expediente: T-429561 \u00a0 Actores: Manuel Adan Galvis Mart\u00ednez, Joaquin Nieto Henao, Bernarda Echeverri Zuluaga, Luis Angel Valencia Giraldo, Martha P\u00e9rez de Lopera, Jaime Alvarez Botero y Luis Eduardo Mart\u00ednez \u00a0 Magistrado Ponente:\u00a0 \u00a0 Dr. MARCO GERARDO MONROY CABRA \u00a0 Bogot\u00e1 D.C., cinco (5) de julio de dos mil uno (2001) \u00a0 La Sala Sexta de la Corte Constitucional, integrada por los Magistrados doctores, Eduardo Montealegre Lynet, Alvaro Tafur Galvis y Marco Gerardo Monroy, quien la preside, ...<br \/><div class=\"pt-cv-rmwrap\"><a href=\"https:\/\/www.dmsjuridica.com\/buscador_20179478954\/corteconstitucionalcronologico202454587\/t-701-01\/\" class=\"_self pt-cv-readmore btn btn-success\" target=\"_self\">Ver Sentencia Completa...<\/a><\/div><\/div><\/div><\/div>\n<div class=\"col-md-12 col-sm-12 col-xs-12 pt-cv-content-item pt-cv-1-col\" ><div class='pt-cv-ifield'><a href=\"https:\/\/www.dmsjuridica.com\/buscador_20179478954\/corteconstitucionalcronologico202454587\/t-700-01\/\" class=\"_self pt-cv-href-thumbnail pt-cv-thumb-default\" target=\"_self\" ><\/a>\n<div class=\"pt-cv-taxoterm above_title\"><a href='https:\/\/www.dmsjuridica.com\/buscador_20179478954\/corteconstitucionalcronologico202454587\/category\/buscar-en-toda-la-corte\/2001\/tutelas-2001\/' title='Tutelas 2001' class='pt-cv-tax-tutelas-2001'>Tutelas 2001<\/a><\/div>\n<h4 class=\"pt-cv-title\"><a href=\"https:\/\/www.dmsjuridica.com\/buscador_20179478954\/corteconstitucionalcronologico202454587\/t-700-01\/\" class=\"_self\" target=\"_self\" >T-700-01<\/a><\/h4>\n<div class=\"pt-cv-content\">\u00a0 \u00a0 Sentencia T-700\/01 \u00a0 SALARIO-Ausencia de pago de d\u00edas no trabajados por cese de actividades \u00a0 La ausencia de pago de los d\u00edas no trabajados, antes de constituir una consecuencia disciplinaria por la participaci\u00f3n del actor en el cese de actividades -caso en el cual proced\u00eda adelantar un proceso disciplinario con el pleno de las garant\u00edas constitucionales, entre otras la defensa del disciplinado y la contradicci\u00f3n de las pruebas y de la decisi\u00f3n tomada-, es el resultado de la conducta asumida por el actor, y deb\u00eda producirse, necesariamente, sin que para el efecto cuenten las causas que motivaron su ...<br \/><div class=\"pt-cv-rmwrap\"><a href=\"https:\/\/www.dmsjuridica.com\/buscador_20179478954\/corteconstitucionalcronologico202454587\/t-700-01\/\" class=\"_self pt-cv-readmore btn btn-success\" target=\"_self\">Ver Sentencia Completa...<\/a><\/div><\/div><\/div><\/div>\n<div class=\"col-md-12 col-sm-12 col-xs-12 pt-cv-content-item pt-cv-1-col\" ><div class='pt-cv-ifield'><a href=\"https:\/\/www.dmsjuridica.com\/buscador_20179478954\/corteconstitucionalcronologico202454587\/t-699-01\/\" class=\"_self pt-cv-href-thumbnail pt-cv-thumb-default\" target=\"_self\" ><\/a>\n<div class=\"pt-cv-taxoterm above_title\"><a href='https:\/\/www.dmsjuridica.com\/buscador_20179478954\/corteconstitucionalcronologico202454587\/category\/buscar-en-toda-la-corte\/2001\/tutelas-2001\/' title='Tutelas 2001' class='pt-cv-tax-tutelas-2001'>Tutelas 2001<\/a><\/div>\n<h4 class=\"pt-cv-title\"><a href=\"https:\/\/www.dmsjuridica.com\/buscador_20179478954\/corteconstitucionalcronologico202454587\/t-699-01\/\" class=\"_self\" target=\"_self\" >T-699-01<\/a><\/h4>\n<div class=\"pt-cv-content\">BONOS PENSIONALES-Demora en la emisi\u00f3n afecta derechos fundamentales \u00a0 -Reiteraci\u00f3n de Jurisprudencia- \u00a0 Referencia: expediente T-434531 \u00a0 Acci\u00f3n de tutela instaurada por Antonio Parra Moreno contra la Gobernaci\u00f3n del Departamento de Bol\u00edvar.\u00a0 \u00a0 Magistrado Ponente: \u00a0 Dr. ALVARO TAFUR GALVIS. \u00a0 Bogot\u00e1 D. C., cinco (5) de julio del a\u00f1o dos mil uno (2001). \u00a0 La Sala Octava de Revisi\u00f3n de la Corte Constitucional, en ejercicio de sus competencias constitucionales y legales, en particular las contenidas en los art\u00edculos 86 y 241, numeral 9, de la Constituci\u00f3n y en el Decreto 2591 de 1991, ha proferido la siguiente, \u00a0 SENTENCIA ...<br \/><div class=\"pt-cv-rmwrap\"><a href=\"https:\/\/www.dmsjuridica.com\/buscador_20179478954\/corteconstitucionalcronologico202454587\/t-699-01\/\" class=\"_self pt-cv-readmore btn btn-success\" target=\"_self\">Ver Sentencia Completa...<\/a><\/div><\/div><\/div><\/div>\n<div class=\"col-md-12 col-sm-12 col-xs-12 pt-cv-content-item pt-cv-1-col\" ><div class='pt-cv-ifield'><a href=\"https:\/\/www.dmsjuridica.com\/buscador_20179478954\/corteconstitucionalcronologico202454587\/t-698-01\/\" class=\"_self pt-cv-href-thumbnail pt-cv-thumb-default\" target=\"_self\" ><\/a>\n<div class=\"pt-cv-taxoterm above_title\"><a href='https:\/\/www.dmsjuridica.com\/buscador_20179478954\/corteconstitucionalcronologico202454587\/category\/buscar-en-toda-la-corte\/2001\/tutelas-2001\/' title='Tutelas 2001' class='pt-cv-tax-tutelas-2001'>Tutelas 2001<\/a><\/div>\n<h4 class=\"pt-cv-title\"><a href=\"https:\/\/www.dmsjuridica.com\/buscador_20179478954\/corteconstitucionalcronologico202454587\/t-698-01\/\" class=\"_self\" target=\"_self\" >T-698-01<\/a><\/h4>\n<div class=\"pt-cv-content\">\u00a0 \u00a0 Sentencia T-698\/01 \u00a0 ACCION DE TUTELA-Procedencia excepcional pago de salarios \u00a0 DERECHO AL MINIMO VITAL DEL TRABAJADOR-Pago oportuno de salarios \u00a0 -Reiteraci\u00f3n de Jurisprudencia- \u00a0 Referencia: expediente T-433244 \u00a0 Acci\u00f3n de tutela instaurada por Esperanza Aponte N\u00fa\u00f1ez \u00a0 contra \u00a0 la \u00a0 Empresa \u00a0 Solidaria \u00a0del \u00a0 Estado \u00a0- Hospital \u00a0 Local \u00a0 San \u00a0 Jos\u00e9 \u00a0 \u00a0de \u00a0 \u00a0Pueblo \u00a0 Viejo \u00a0 \u00a0 -Magdalena-. \u00a0 Magistrado Ponente: \u00a0 Dr. ALVARO TAFUR GALVIS. \u00a0 Bogot\u00e1 D. C., cinco (5) de julio del a\u00f1o dos mil uno (2001). \u00a0 La Sala Octava de Revisi\u00f3n de la Corte Constitucional, en ...<br \/><div class=\"pt-cv-rmwrap\"><a href=\"https:\/\/www.dmsjuridica.com\/buscador_20179478954\/corteconstitucionalcronologico202454587\/t-698-01\/\" class=\"_self pt-cv-readmore btn btn-success\" target=\"_self\">Ver Sentencia Completa...<\/a><\/div><\/div><\/div><\/div>\n<div class=\"col-md-12 col-sm-12 col-xs-12 pt-cv-content-item pt-cv-1-col\" ><div class='pt-cv-ifield'><a href=\"https:\/\/www.dmsjuridica.com\/buscador_20179478954\/corteconstitucionalcronologico202454587\/t-697-01\/\" class=\"_self pt-cv-href-thumbnail pt-cv-thumb-default\" target=\"_self\" ><\/a>\n<div class=\"pt-cv-taxoterm above_title\"><a href='https:\/\/www.dmsjuridica.com\/buscador_20179478954\/corteconstitucionalcronologico202454587\/category\/buscar-en-toda-la-corte\/2001\/tutelas-2001\/' title='Tutelas 2001' class='pt-cv-tax-tutelas-2001'>Tutelas 2001<\/a><\/div>\n<h4 class=\"pt-cv-title\"><a href=\"https:\/\/www.dmsjuridica.com\/buscador_20179478954\/corteconstitucionalcronologico202454587\/t-697-01\/\" class=\"_self\" target=\"_self\" >T-697-01<\/a><\/h4>\n<div class=\"pt-cv-content\">\u00a0 \u00a0 Sentencia T-697\/01 \u00a0 MUJER TRABAJADORA EMBARAZADA-Estabilidad laboral \u00a0 ACCION DE TUTELA TRANSITORIA DE MUJER EMBARAZADA-Elementos f\u00e1cticos que deben demostrarse \u00a0 ACCION DE TUTELA-Improcedencia por no demostraci\u00f3n de afectaci\u00f3n del m\u00ednimo vital por despido de mujer embarazada. \u00a0 Reiteraci\u00f3n de Jurisprudencia \u00a0 Referencia: expediente T-432051 \u00a0 Acci\u00f3n de tutela instaurada por Darliz Torres Sevillano contra el Alcalde Municipal de Francisco Pizarro (Nari\u00f1o). \u00a0 Magistrado Ponente: \u00a0 Dr. ALVARO TAFUR GALVIS \u00a0 Bogot\u00e1, D.C., julio cinco (5) de dos mil uno (2001). \u00a0 La Sala Octava de Revisi\u00f3n de la Corte Constitucional, en ejercicio de sus competencias constitucionales y legales, ...<br \/><div class=\"pt-cv-rmwrap\"><a href=\"https:\/\/www.dmsjuridica.com\/buscador_20179478954\/corteconstitucionalcronologico202454587\/t-697-01\/\" class=\"_self pt-cv-readmore btn btn-success\" target=\"_self\">Ver Sentencia Completa...<\/a><\/div><\/div><\/div><\/div>\n<div class=\"col-md-12 col-sm-12 col-xs-12 pt-cv-content-item pt-cv-1-col\" ><div class='pt-cv-ifield'><a href=\"https:\/\/www.dmsjuridica.com\/buscador_20179478954\/corteconstitucionalcronologico202454587\/t-696-01\/\" class=\"_self pt-cv-href-thumbnail pt-cv-thumb-default\" target=\"_self\" ><\/a>\n<div class=\"pt-cv-taxoterm above_title\"><a href='https:\/\/www.dmsjuridica.com\/buscador_20179478954\/corteconstitucionalcronologico202454587\/category\/buscar-en-toda-la-corte\/2001\/tutelas-2001\/' title='Tutelas 2001' class='pt-cv-tax-tutelas-2001'>Tutelas 2001<\/a><\/div>\n<h4 class=\"pt-cv-title\"><a href=\"https:\/\/www.dmsjuridica.com\/buscador_20179478954\/corteconstitucionalcronologico202454587\/t-696-01\/\" class=\"_self\" target=\"_self\" >T-696-01<\/a><\/h4>\n<div class=\"pt-cv-content\">\u00a0 \u00a0 Sentencia T-696\/01 \u00a0 DERECHO A LA SALUD DEL INTERNO-Tratamiento para drogadicci\u00f3n \u00a0 Al no existir pruebas que acrediten una omisi\u00f3n censurable por parte de la entidad accionada, ni derechos fundamentales que proteger, ni estar probado un perjuicio irremediable, es preciso concluir que el fallador de instancia acert\u00f3 en la decisi\u00f3n adoptada, cual fue la de negar la acci\u00f3n de tutela interpuesta. Sin embargo es de se\u00f1alar que otra posici\u00f3n habr\u00eda asumido esta Corporaci\u00f3n, si la solicitud de atenci\u00f3n medica dirigida al hospital por parte del actor, no hubiesen sido atendida o se hubiese ignorado, como fruto de su ...<br \/><div class=\"pt-cv-rmwrap\"><a href=\"https:\/\/www.dmsjuridica.com\/buscador_20179478954\/corteconstitucionalcronologico202454587\/t-696-01\/\" class=\"_self pt-cv-readmore btn btn-success\" target=\"_self\">Ver Sentencia Completa...<\/a><\/div><\/div><\/div><\/div>\n<div class=\"col-md-12 col-sm-12 col-xs-12 pt-cv-content-item pt-cv-1-col\" ><div class='pt-cv-ifield'><a href=\"https:\/\/www.dmsjuridica.com\/buscador_20179478954\/corteconstitucionalcronologico202454587\/t-695-01\/\" class=\"_self pt-cv-href-thumbnail pt-cv-thumb-default\" target=\"_self\" ><\/a>\n<div class=\"pt-cv-taxoterm above_title\"><a href='https:\/\/www.dmsjuridica.com\/buscador_20179478954\/corteconstitucionalcronologico202454587\/category\/buscar-en-toda-la-corte\/2001\/tutelas-2001\/' title='Tutelas 2001' class='pt-cv-tax-tutelas-2001'>Tutelas 2001<\/a><\/div>\n<h4 class=\"pt-cv-title\"><a href=\"https:\/\/www.dmsjuridica.com\/buscador_20179478954\/corteconstitucionalcronologico202454587\/t-695-01\/\" class=\"_self\" target=\"_self\" >T-695-01<\/a><\/h4>\n<div class=\"pt-cv-content\">\u00a0 \u00a0 Sentencia T-695\/01 \u00a0 DERECHO A LA VIDA DIGNA-Pago oportuno de aportes a salud por compa\u00f1\u00eda de inversiones de Flota Mercante en liquidaci\u00f3n obligatoria\/PRINCIPIO DE CONTINUIDAD EN EL SERVICIO DE SALUD-Mora en el pago de aportes por Compa\u00f1\u00eda de Inversiones Flota Mercante en liquidaci\u00f3n obligatoria\/PRINCIPIO DE GARANTIA A LA SEGURIDAD SOCIAL-Mora en pago de aportes por compa\u00f1\u00eda de Inversiones \u00a0Flota \u00a0Mercante en liquidaci\u00f3n obligatoria \u00a0 ENTIDAD PROMOTORA DE SALUD-Repetici\u00f3n contra la compa\u00f1\u00eda de Inversiones Flota Mercante en liquidaci\u00f3n obligatoria o contra el Fosyga \u00a0 Reiteraci\u00f3n de Jurisprudencia \u00a0 Referencia: expedientes T-428712 y T-429899. \u00a0 Acciones de tutela instauradas por ...<br \/><div class=\"pt-cv-rmwrap\"><a href=\"https:\/\/www.dmsjuridica.com\/buscador_20179478954\/corteconstitucionalcronologico202454587\/t-695-01\/\" class=\"_self pt-cv-readmore btn btn-success\" target=\"_self\">Ver Sentencia Completa...<\/a><\/div><\/div><\/div><\/div>\n<div class=\"col-md-12 col-sm-12 col-xs-12 pt-cv-content-item pt-cv-1-col\" ><div class='pt-cv-ifield'><a href=\"https:\/\/www.dmsjuridica.com\/buscador_20179478954\/corteconstitucionalcronologico202454587\/t-694-01\/\" class=\"_self pt-cv-href-thumbnail pt-cv-thumb-default\" target=\"_self\" ><\/a>\n<div class=\"pt-cv-taxoterm above_title\"><a href='https:\/\/www.dmsjuridica.com\/buscador_20179478954\/corteconstitucionalcronologico202454587\/category\/buscar-en-toda-la-corte\/2001\/tutelas-2001\/' title='Tutelas 2001' class='pt-cv-tax-tutelas-2001'>Tutelas 2001<\/a><\/div>\n<h4 class=\"pt-cv-title\"><a href=\"https:\/\/www.dmsjuridica.com\/buscador_20179478954\/corteconstitucionalcronologico202454587\/t-694-01\/\" class=\"_self\" target=\"_self\" >T-694-01<\/a><\/h4>\n<div class=\"pt-cv-content\">\u00a0 \u00a0 Sentencia T-694\/01 \u00a0 DERECHOS SOCIALES, ECONOMICOS Y CULTURALES-Conexidad con derechos amparables por \u00a0tutela\/PRINCIPIO DE DIGNIDAD HUMANA-M\u00ednimo vital \u00a0 LICENCIA DE MATERNIDAD-Procedencia excepcional de tutela para el pago \u00a0 LICENCIA DE MATERNIDAD-Pago por allanamiento a la mora por EPS \u00a0 DEBIDO PROCESO-Vulneraci\u00f3n por respuesta ineficaz del Seguro Social \u00a0 No puede pasar por alto esta Corporaci\u00f3n la irregularidad frente al acto administrativo por el cual se neg\u00f3 el pago de la licencia de maternidad, el cual viola el derecho fundamental al debido proceso. \u00a0En efecto, seg\u00fan se observa el acto por el cual el Seguro Social le deneg\u00f3 a ...<br \/><div class=\"pt-cv-rmwrap\"><a href=\"https:\/\/www.dmsjuridica.com\/buscador_20179478954\/corteconstitucionalcronologico202454587\/t-694-01\/\" class=\"_self pt-cv-readmore btn btn-success\" target=\"_self\">Ver Sentencia Completa...<\/a><\/div><\/div><\/div><\/div>\n<div class=\"col-md-12 col-sm-12 col-xs-12 pt-cv-content-item pt-cv-1-col\" ><div class='pt-cv-ifield'><a href=\"https:\/\/www.dmsjuridica.com\/buscador_20179478954\/corteconstitucionalcronologico202454587\/t-693-01\/\" class=\"_self pt-cv-href-thumbnail pt-cv-thumb-default\" target=\"_self\" ><\/a>\n<div class=\"pt-cv-taxoterm above_title\"><a href='https:\/\/www.dmsjuridica.com\/buscador_20179478954\/corteconstitucionalcronologico202454587\/category\/buscar-en-toda-la-corte\/2001\/tutelas-2001\/' title='Tutelas 2001' class='pt-cv-tax-tutelas-2001'>Tutelas 2001<\/a><\/div>\n<h4 class=\"pt-cv-title\"><a href=\"https:\/\/www.dmsjuridica.com\/buscador_20179478954\/corteconstitucionalcronologico202454587\/t-693-01\/\" class=\"_self\" target=\"_self\" >T-693-01<\/a><\/h4>\n<div class=\"pt-cv-content\">\u00a0 \u00a0 Sentencia T-693\/01 \u00a0 DERECHO A LA SALUD-Periodo m\u00ednimo de cotizaci\u00f3n por enfermedad de alto costo\/DERECHO A LA SALUD-Tratamiento de di\u00e1lisis\/ACCION DE REPETICION POR ENTIDAD PROMOTORA DE SALUD-Suministro de tratamiento de alto costo sin cumplir periodo m\u00ednimo de cotizaci\u00f3n\/DERECHO A LA SALUD-Prueba de la incapacidad econ\u00f3mica por afirmaci\u00f3n de estar desempleado. \u00a0 En el caso que nos ocupa se cumplen a cabalidad las condiciones mencionadas anteriormente, pues tal como lo muestra el acervo probatorio, de no realizarse la hemodi\u00e1lisis se pone en peligro la salud y como consecuencia la vida del afectado. \u00a0Paciente que seg\u00fan palabras del galeno que ...<br \/><div class=\"pt-cv-rmwrap\"><a href=\"https:\/\/www.dmsjuridica.com\/buscador_20179478954\/corteconstitucionalcronologico202454587\/t-693-01\/\" class=\"_self pt-cv-readmore btn btn-success\" target=\"_self\">Ver Sentencia Completa...<\/a><\/div><\/div><\/div><\/div>\n<div class=\"col-md-12 col-sm-12 col-xs-12 pt-cv-content-item pt-cv-1-col\" ><div class='pt-cv-ifield'><a href=\"https:\/\/www.dmsjuridica.com\/buscador_20179478954\/corteconstitucionalcronologico202454587\/t-692-01\/\" class=\"_self pt-cv-href-thumbnail pt-cv-thumb-default\" target=\"_self\" ><\/a>\n<div class=\"pt-cv-taxoterm above_title\"><a href='https:\/\/www.dmsjuridica.com\/buscador_20179478954\/corteconstitucionalcronologico202454587\/category\/buscar-en-toda-la-corte\/2001\/tutelas-2001\/' title='Tutelas 2001' class='pt-cv-tax-tutelas-2001'>Tutelas 2001<\/a><\/div>\n<h4 class=\"pt-cv-title\"><a href=\"https:\/\/www.dmsjuridica.com\/buscador_20179478954\/corteconstitucionalcronologico202454587\/t-692-01\/\" class=\"_self\" target=\"_self\" >T-692-01<\/a><\/h4>\n<div class=\"pt-cv-content\">\u00a0 \u00a0 Sentencia T-692\/01 \u00a0 DERECHO AL MINIMO VITAL DEL PENSIONADO-Pago oportuno de mesadas\/ACCION DE TUTELA-Procedencia excepcional pago de mesadas pensionales \u00a0 EMPLEADOR-Situaci\u00f3n econ\u00f3mica o presupuestal no es \u00f3bice para desconocer pago de mesadas pensionales \u00a0 DERECHO AL MINIMO VITAL-Prueba de la amenaza \u00a0 \u00a0 \u00a0 \u00a0 Referencia: expediente T-430036 \u00a0 Acci\u00f3n de tutela interpuesta por Pedro Emilio G\u00f3mez contra el Ministerio de Salud (Fondo del Pasivo Pensional del Sector salud), la Fundaci\u00f3n San Juan de Dios y el Ministerio de Hacienda y Cr\u00e9dito P\u00fablico. \u00a0 Magistrado Ponente: \u00a0 Dr. JAIME ARAUJO RENTER\u00cdA \u00a0 Bogot\u00e1, D.C., cuatro (4) de julio ...<br \/><div class=\"pt-cv-rmwrap\"><a href=\"https:\/\/www.dmsjuridica.com\/buscador_20179478954\/corteconstitucionalcronologico202454587\/t-692-01\/\" class=\"_self pt-cv-readmore btn btn-success\" target=\"_self\">Ver Sentencia Completa...<\/a><\/div><\/div><\/div><\/div>\n<div class=\"col-md-12 col-sm-12 col-xs-12 pt-cv-content-item pt-cv-1-col\" ><div class='pt-cv-ifield'><a href=\"https:\/\/www.dmsjuridica.com\/buscador_20179478954\/corteconstitucionalcronologico202454587\/t-691-01\/\" class=\"_self pt-cv-href-thumbnail pt-cv-thumb-default\" target=\"_self\" ><\/a>\n<div class=\"pt-cv-taxoterm above_title\"><a href='https:\/\/www.dmsjuridica.com\/buscador_20179478954\/corteconstitucionalcronologico202454587\/category\/buscar-en-toda-la-corte\/2001\/tutelas-2001\/' title='Tutelas 2001' class='pt-cv-tax-tutelas-2001'>Tutelas 2001<\/a><\/div>\n<h4 class=\"pt-cv-title\"><a href=\"https:\/\/www.dmsjuridica.com\/buscador_20179478954\/corteconstitucionalcronologico202454587\/t-691-01\/\" class=\"_self\" target=\"_self\" >T-691-01<\/a><\/h4>\n<div class=\"pt-cv-content\">\u00a0 \u00a0 Sentencia T-691\/01\u00a0 \u00a0 TRABAJADORES DEL DEPARTAMENTO ADMINISTRATIVO DE BIENESTAR SOCIAL DEL DISTRITO-Pago de indemnizaci\u00f3n por supresi\u00f3n del cargo de carrera administrativa\/DERECHO DE ASOCIACION SINDICAL-No vulneraci\u00f3n por libre retiro de sindicalizados \u00a0 En la actualidad no puede alegarse por los actores la existencia de un perjuicio irremediable e inminente que justifique la intervenci\u00f3n del juez de tutela para que adopte medidas urgentes, debido a que el sindicato contin\u00faa existiendo, cuenta en la actualidad con Ochocientos Sesenta y Seis miembros y no hay una sola prueba que nos indique que este expuesto a un perjuicio irremediable que los lleve a ...<br \/><div class=\"pt-cv-rmwrap\"><a href=\"https:\/\/www.dmsjuridica.com\/buscador_20179478954\/corteconstitucionalcronologico202454587\/t-691-01\/\" class=\"_self pt-cv-readmore btn btn-success\" target=\"_self\">Ver Sentencia Completa...<\/a><\/div><\/div><\/div><\/div>\n<div class=\"col-md-12 col-sm-12 col-xs-12 pt-cv-content-item pt-cv-1-col\" ><div class='pt-cv-ifield'><a href=\"https:\/\/www.dmsjuridica.com\/buscador_20179478954\/corteconstitucionalcronologico202454587\/t-690-01\/\" class=\"_self pt-cv-href-thumbnail pt-cv-thumb-default\" target=\"_self\" ><\/a>\n<div class=\"pt-cv-taxoterm above_title\"><a href='https:\/\/www.dmsjuridica.com\/buscador_20179478954\/corteconstitucionalcronologico202454587\/category\/buscar-en-toda-la-corte\/2001\/tutelas-2001\/' title='Tutelas 2001' class='pt-cv-tax-tutelas-2001'>Tutelas 2001<\/a><\/div>\n<h4 class=\"pt-cv-title\"><a href=\"https:\/\/www.dmsjuridica.com\/buscador_20179478954\/corteconstitucionalcronologico202454587\/t-690-01\/\" class=\"_self\" target=\"_self\" >T-690-01<\/a><\/h4>\n<div class=\"pt-cv-content\">\u00a0 \u00a0 Sentencia T-690\/01 \u00a0 DERECHO A LA SEGURIDAD SOCIAL-Fundamental por conexidad \u00a0 ACCION DE TUTELA-Improcedencia para ordenar reliquidaci\u00f3n de pensiones \u00a0 Referencia: expediente T-433597 \u00a0 Acci\u00f3n de tutela instaurada por Mar\u00eda del Carmen Mart\u00ednez Guti\u00e9rrez contra la Caja Nacional de Previsi\u00f3n Social\u00a0 \u00a0 Magistrado Ponente: \u00a0 \u00a0 Dr. JAIME C\u00d3RDOBA TRIVI\u00d1O \u00a0 Bogot\u00e1, D.C., tres (3) de julio de dos mil uno (2001). \u00a0 La Sala Cuarta de Revisi\u00f3n de la Corte Constitucional, en ejercicio de sus competencias constitucionales y legales, espec\u00edficamente las previstas en los art\u00edculos 86 y 241, numeral 9, de la Constituci\u00f3n Pol\u00edtica y en el ...<br \/><div class=\"pt-cv-rmwrap\"><a href=\"https:\/\/www.dmsjuridica.com\/buscador_20179478954\/corteconstitucionalcronologico202454587\/t-690-01\/\" class=\"_self pt-cv-readmore btn btn-success\" target=\"_self\">Ver Sentencia Completa...<\/a><\/div><\/div><\/div><\/div>\n<div class=\"col-md-12 col-sm-12 col-xs-12 pt-cv-content-item pt-cv-1-col\" ><div class='pt-cv-ifield'><a href=\"https:\/\/www.dmsjuridica.com\/buscador_20179478954\/corteconstitucionalcronologico202454587\/t-689-01\/\" class=\"_self pt-cv-href-thumbnail pt-cv-thumb-default\" target=\"_self\" ><\/a>\n<div class=\"pt-cv-taxoterm above_title\"><a href='https:\/\/www.dmsjuridica.com\/buscador_20179478954\/corteconstitucionalcronologico202454587\/category\/buscar-en-toda-la-corte\/2001\/tutelas-2001\/' title='Tutelas 2001' class='pt-cv-tax-tutelas-2001'>Tutelas 2001<\/a><\/div>\n<h4 class=\"pt-cv-title\"><a href=\"https:\/\/www.dmsjuridica.com\/buscador_20179478954\/corteconstitucionalcronologico202454587\/t-689-01\/\" class=\"_self\" target=\"_self\" >T-689-01<\/a><\/h4>\n<div class=\"pt-cv-content\">\u00a0 \u00a0 Sentencia T-689\/01 \u00a0 DERECHO A LA SALUD-Exclusi\u00f3n de tratamiento de fertilidad por no estar en el POS \u00a0 DERECHO A LA SALUD-Car\u00e1cter prestacional \u00a0 DERECHO A LA SALUD-Fundamental por conexidad con la vida\/DERECHO A LA SEGURIDAD SOCIAL-Fundamental por conexidad con la vida. \u00a0 MATERNIDAD-Protecci\u00f3n constitucional especial \u00a0 DERECHO A LA ESTABILIDAD LABORAL REFORZADA DE MUJER EMBARAZADA-Protecci\u00f3n constitucional especial \u00a0 PLAN OBLIGATORIO DE SALUD-Exclusi\u00f3n de tratamiento de fertilidad \u00a0 Referencia: expediente T-430400 \u00a0 Acci\u00f3n de tutela de Nayibi Rend\u00f3n Rivera contra la Entidad Promotora de Salud Coomeva S. A. \u00a0 Magistrado Ponente: \u00a0 \u00a0 Dr. JAIME C\u00d3RDOBA TRIVI\u00d1O \u00a0 ...<br \/><div class=\"pt-cv-rmwrap\"><a href=\"https:\/\/www.dmsjuridica.com\/buscador_20179478954\/corteconstitucionalcronologico202454587\/t-689-01\/\" class=\"_self pt-cv-readmore btn btn-success\" target=\"_self\">Ver Sentencia Completa...<\/a><\/div><\/div><\/div><\/div>\n<div class=\"col-md-12 col-sm-12 col-xs-12 pt-cv-content-item pt-cv-1-col\" ><div class='pt-cv-ifield'><a href=\"https:\/\/www.dmsjuridica.com\/buscador_20179478954\/corteconstitucionalcronologico202454587\/t-688-01\/\" class=\"_self pt-cv-href-thumbnail pt-cv-thumb-default\" target=\"_self\" ><\/a>\n<div class=\"pt-cv-taxoterm above_title\"><a href='https:\/\/www.dmsjuridica.com\/buscador_20179478954\/corteconstitucionalcronologico202454587\/category\/buscar-en-toda-la-corte\/2001\/tutelas-2001\/' title='Tutelas 2001' class='pt-cv-tax-tutelas-2001'>Tutelas 2001<\/a><\/div>\n<h4 class=\"pt-cv-title\"><a href=\"https:\/\/www.dmsjuridica.com\/buscador_20179478954\/corteconstitucionalcronologico202454587\/t-688-01\/\" class=\"_self\" target=\"_self\" >T-688-01<\/a><\/h4>\n<div class=\"pt-cv-content\">\u00a0 \u00a0 Sentencia T-688\/01 \u00a0 ACCION DE TUTELA-Procedencia excepcional pago de mesadas pensionales \u00a0 DERECHO AL MINIMO VITAL DEL PENSIONADO-Pago oportuno de mesadas \u00a0 EMPLEADOR-Situaci\u00f3n econ\u00f3mica o presupuestal no es \u00f3bice para desconocer pago de mesadas pensionales \u00a0 Reiteraci\u00f3n de Jurisprudencia \u00a0 Referencia: expediente T-426965. \u00a0 Acci\u00f3n de tutela instaurada por Fernando Valencia Ot\u00e1lvaro contra la Universidad del Valle, la Gobernaci\u00f3n del Departamento del Valle, el Ministerio de Hacienda y Cr\u00e9dito P\u00fablico y el Ministerio de Educaci\u00f3n Nacional. \u00a0 Magistrado Ponente: \u00a0 Dr. RODRIGO ESCOBAR GIL \u00a0 Bogot\u00e1 D.C., a los veintinueve (29) d\u00edas del mes de junio del a\u00f1o ...<br \/><div class=\"pt-cv-rmwrap\"><a href=\"https:\/\/www.dmsjuridica.com\/buscador_20179478954\/corteconstitucionalcronologico202454587\/t-688-01\/\" class=\"_self pt-cv-readmore btn btn-success\" target=\"_self\">Ver Sentencia Completa...<\/a><\/div><\/div><\/div><\/div>\n<div class=\"col-md-12 col-sm-12 col-xs-12 pt-cv-content-item pt-cv-1-col\" ><div class='pt-cv-ifield'><a href=\"https:\/\/www.dmsjuridica.com\/buscador_20179478954\/corteconstitucionalcronologico202454587\/t-687-01\/\" class=\"_self pt-cv-href-thumbnail pt-cv-thumb-default\" target=\"_self\" ><\/a>\n<div class=\"pt-cv-taxoterm above_title\"><a href='https:\/\/www.dmsjuridica.com\/buscador_20179478954\/corteconstitucionalcronologico202454587\/category\/buscar-en-toda-la-corte\/2001\/tutelas-2001\/' title='Tutelas 2001' class='pt-cv-tax-tutelas-2001'>Tutelas 2001<\/a><\/div>\n<h4 class=\"pt-cv-title\"><a href=\"https:\/\/www.dmsjuridica.com\/buscador_20179478954\/corteconstitucionalcronologico202454587\/t-687-01\/\" class=\"_self\" target=\"_self\" >T-687-01<\/a><\/h4>\n<div class=\"pt-cv-content\">\u00a0 \u00a0 Sentencia T-687\/01 \u00a0 BONOS PENSIONALES-Procedencia de tutela para reclamar la remisi\u00f3n\/DERECHO A LA VIDA-Remisi\u00f3n oportuna del bono pensional \u00a0 Reiteraci\u00f3n de Jurisprudencia \u00a0 Referencia: expediente T-383214 \u00a0 Acci\u00f3n de tutela instaurada por Juan de Jes\u00fas Lopera Quiroz contra el Instituto de Seguros Sociales - Pensiones. \u00a0 Magistrado Ponente: \u00a0 Dr. RODRIGO ESCOBAR GIL \u00a0 Bogot\u00e1, D.C., a los veintinueve (29) d\u00edas del mes de junio de dos mil uno \u00a0(2001). \u00a0 La Sala Quinta de Revisi\u00f3n de la Corte Constitucional, integrada por los Magistrados MARCO GERARDO MONROY CABRA, EDUARDO MONTEALEGRE LYNETT \u00a0y RODRIGO ESCOBAR GIL, en ejercicio de ...<br \/><div class=\"pt-cv-rmwrap\"><a href=\"https:\/\/www.dmsjuridica.com\/buscador_20179478954\/corteconstitucionalcronologico202454587\/t-687-01\/\" class=\"_self pt-cv-readmore btn btn-success\" target=\"_self\">Ver Sentencia Completa...<\/a><\/div><\/div><\/div><\/div>\n<div class=\"col-md-12 col-sm-12 col-xs-12 pt-cv-content-item pt-cv-1-col\" ><div class='pt-cv-ifield'><a href=\"https:\/\/www.dmsjuridica.com\/buscador_20179478954\/corteconstitucionalcronologico202454587\/t-686-01\/\" class=\"_self pt-cv-href-thumbnail pt-cv-thumb-default\" target=\"_self\" ><\/a>\n<div class=\"pt-cv-taxoterm above_title\"><a href='https:\/\/www.dmsjuridica.com\/buscador_20179478954\/corteconstitucionalcronologico202454587\/category\/buscar-en-toda-la-corte\/2001\/tutelas-2001\/' title='Tutelas 2001' class='pt-cv-tax-tutelas-2001'>Tutelas 2001<\/a><\/div>\n<h4 class=\"pt-cv-title\"><a href=\"https:\/\/www.dmsjuridica.com\/buscador_20179478954\/corteconstitucionalcronologico202454587\/t-686-01\/\" class=\"_self\" target=\"_self\" >T-686-01<\/a><\/h4>\n<div class=\"pt-cv-content\">\u00a0 \u00a0 Sentencia T-686\/01 \u00a0 ACCION DE TUTELA-Procedencia excepcional pago de subsidio familiar \u00a0 SUBSIDIO FAMILIAR-Naturaleza jur\u00eddica \u00a0 DERECHO AL SUBSIDIO FAMILIAR DEL NI\u00d1O-Protecci\u00f3n por tutela \u00a0 SUBSIDIO FAMILIAR-Pago a beneficiarios por Caja de compensaci\u00f3n \u00a0 MUNICIPIO-Afiliaci\u00f3n a caja de compensaci\u00f3n familiar \u00a0 Reiteraci\u00f3n de Jurisprudencia \u00a0 Referencia: expedientes T-428042, T-428048, \u00a0 \u00a0 \u00a0 T-428050 y T-428066 \u00a0 Magistrado Ponente: \u00a0 Dr. RODRIGO ESCOBAR GIL \u00a0 Bogot\u00e1 D.C., veintinueve (29) d\u00edas de junio de dos mil uno (2001). \u00a0 La Sala Quinta de Revisi\u00f3n de la Corte Constitucional, en ejercicio de sus competencias constitucionales y legales, espec\u00edficamente las previstas en ...<br \/><div class=\"pt-cv-rmwrap\"><a href=\"https:\/\/www.dmsjuridica.com\/buscador_20179478954\/corteconstitucionalcronologico202454587\/t-686-01\/\" class=\"_self pt-cv-readmore btn btn-success\" target=\"_self\">Ver Sentencia Completa...<\/a><\/div><\/div><\/div><\/div>\n<div class=\"col-md-12 col-sm-12 col-xs-12 pt-cv-content-item pt-cv-1-col\" ><div class='pt-cv-ifield'><a href=\"https:\/\/www.dmsjuridica.com\/buscador_20179478954\/corteconstitucionalcronologico202454587\/t-685-01\/\" class=\"_self pt-cv-href-thumbnail pt-cv-thumb-default\" target=\"_self\" ><\/a>\n<div class=\"pt-cv-taxoterm above_title\"><a href='https:\/\/www.dmsjuridica.com\/buscador_20179478954\/corteconstitucionalcronologico202454587\/category\/buscar-en-toda-la-corte\/2001\/tutelas-2001\/' title='Tutelas 2001' class='pt-cv-tax-tutelas-2001'>Tutelas 2001<\/a><\/div>\n<h4 class=\"pt-cv-title\"><a href=\"https:\/\/www.dmsjuridica.com\/buscador_20179478954\/corteconstitucionalcronologico202454587\/t-685-01\/\" class=\"_self\" target=\"_self\" >T-685-01<\/a><\/h4>\n<div class=\"pt-cv-content\">\u00a0 \u00a0 Sentencia T-685\/01 \u00a0 EDUCACION MEDIA PARA ADULTOS-Acceso de menor de edad \u00a0 Cuando una persona menor de edad no puede continuar estudiando en el sistema de educaci\u00f3n regular por razones de \u00edndole econ\u00f3mico o material, no se le puede negar el ingreso al programa de educaci\u00f3n media de adultos en raz\u00f3n a su edad, cuando cumple todos los requisitos para ingresar a dicho programa, pues ello constituye una violaci\u00f3n al derecho a la igualdad y al derecho a la educaci\u00f3n.\u00a0 \u00a0 TEST DE RAZONABILIDAD INTERMEDIO EN EDUCACION-Aplicaci\u00f3n \u00a0 La aplica\u00adci\u00f3n del test de razonabilidad supone definir el grado ...<br \/><div class=\"pt-cv-rmwrap\"><a href=\"https:\/\/www.dmsjuridica.com\/buscador_20179478954\/corteconstitucionalcronologico202454587\/t-685-01\/\" class=\"_self pt-cv-readmore btn btn-success\" target=\"_self\">Ver Sentencia Completa...<\/a><\/div><\/div><\/div><\/div>\n<div class=\"col-md-12 col-sm-12 col-xs-12 pt-cv-content-item pt-cv-1-col\" ><div class='pt-cv-ifield'><a href=\"https:\/\/www.dmsjuridica.com\/buscador_20179478954\/corteconstitucionalcronologico202454587\/t-684-01\/\" class=\"_self pt-cv-href-thumbnail pt-cv-thumb-default\" target=\"_self\" ><\/a>\n<div class=\"pt-cv-taxoterm above_title\"><a href='https:\/\/www.dmsjuridica.com\/buscador_20179478954\/corteconstitucionalcronologico202454587\/category\/buscar-en-toda-la-corte\/2001\/tutelas-2001\/' title='Tutelas 2001' class='pt-cv-tax-tutelas-2001'>Tutelas 2001<\/a><\/div>\n<h4 class=\"pt-cv-title\"><a href=\"https:\/\/www.dmsjuridica.com\/buscador_20179478954\/corteconstitucionalcronologico202454587\/t-684-01\/\" class=\"_self\" target=\"_self\" >T-684-01<\/a><\/h4>\n<div class=\"pt-cv-content\">\u00a0 \u00a0 Sentencia T-684\/01 \u00a0 JUEZ DE TUTELA-Derechos no invocados\/DERECHO DE PETICION-Protecci\u00f3n \u00a0 Dada la informalidad de la acci\u00f3n de tutela, cuando el actor no invoca expresamente la totalidad de los derechos vulnerados, el juez de tutela no solamente tiene la facultad sino la obligaci\u00f3n de proteger todos los derechos que de conformidad con las pruebas aportadas dentro del proceso encuentre vulnerados, de conformidad con lo establecido en los art\u00edculos 3 y 14 del Decreto 2591 de 1991. \u00a0 PENSION DE JUBILACION Y DERECHO AL TRABAJO-No se pueden desligar \u00a0 La pensi\u00f3n de jubilaci\u00f3n es un componente del derecho al ...<br \/><div class=\"pt-cv-rmwrap\"><a href=\"https:\/\/www.dmsjuridica.com\/buscador_20179478954\/corteconstitucionalcronologico202454587\/t-684-01\/\" class=\"_self pt-cv-readmore btn btn-success\" target=\"_self\">Ver Sentencia Completa...<\/a><\/div><\/div><\/div><\/div>\n<div class=\"col-md-12 col-sm-12 col-xs-12 pt-cv-content-item pt-cv-1-col\" ><div class='pt-cv-ifield'><a href=\"https:\/\/www.dmsjuridica.com\/buscador_20179478954\/corteconstitucionalcronologico202454587\/t-683-01\/\" class=\"_self pt-cv-href-thumbnail pt-cv-thumb-default\" target=\"_self\" ><\/a>\n<div class=\"pt-cv-taxoterm above_title\"><a href='https:\/\/www.dmsjuridica.com\/buscador_20179478954\/corteconstitucionalcronologico202454587\/category\/buscar-en-toda-la-corte\/2001\/tutelas-2001\/' title='Tutelas 2001' class='pt-cv-tax-tutelas-2001'>Tutelas 2001<\/a><\/div>\n<h4 class=\"pt-cv-title\"><a href=\"https:\/\/www.dmsjuridica.com\/buscador_20179478954\/corteconstitucionalcronologico202454587\/t-683-01\/\" class=\"_self\" target=\"_self\" >T-683-01<\/a><\/h4>\n<div class=\"pt-cv-content\">\u00a0 \u00a0 Sentencia T-683\/01\u00a0 \u00a0 IGUALDAD DE TRABAJADORES EN MATERIA SALARIAL-Conservaci\u00f3n e incremento \u00a0 SALARIO-Actualizaci\u00f3n\u00a0 \u00a0 ACCION DE TUTELA-Procedencia excepcional pago de acreencias laborales \u00a0 SALARIO-Noci\u00f3n \u00a0 DERECHO AL MINIMO VITAL-Prueba directa o indirecta de situaci\u00f3n econ\u00f3mica o psicol\u00f3gica \u00a0 ACCION DE TUTELA-Improcedencia por no afectaci\u00f3n del m\u00ednimo vital \u00a0 ACCION DE TUTELA-Improcedencia para obtener reajuste de salarios \u00a0 Referencia: expediente T- 429512\u00a0 \u00a0 Peticionarios: Elizabeth Ria\u00f1o y otros \u00a0 Procedencia: Tribunal Administrativo de Cundinamarca \u00a0 Magistrado Ponente: \u00a0 Dr. MARCO GERARDO MONROY CABRA \u00a0 Bogot\u00e1, D.C., \u00a0junio veintiocho (28) de dos mil uno (2001). \u00a0 La Sala Sexta de ...<br \/><div class=\"pt-cv-rmwrap\"><a href=\"https:\/\/www.dmsjuridica.com\/buscador_20179478954\/corteconstitucionalcronologico202454587\/t-683-01\/\" class=\"_self pt-cv-readmore btn btn-success\" target=\"_self\">Ver Sentencia Completa...<\/a><\/div><\/div><\/div><\/div>\n<div class=\"col-md-12 col-sm-12 col-xs-12 pt-cv-content-item pt-cv-1-col\" ><div class='pt-cv-ifield'><a href=\"https:\/\/www.dmsjuridica.com\/buscador_20179478954\/corteconstitucionalcronologico202454587\/t-682-01\/\" class=\"_self pt-cv-href-thumbnail pt-cv-thumb-default\" target=\"_self\" ><\/a>\n<div class=\"pt-cv-taxoterm above_title\"><a href='https:\/\/www.dmsjuridica.com\/buscador_20179478954\/corteconstitucionalcronologico202454587\/category\/buscar-en-toda-la-corte\/2001\/tutelas-2001\/' title='Tutelas 2001' class='pt-cv-tax-tutelas-2001'>Tutelas 2001<\/a><\/div>\n<h4 class=\"pt-cv-title\"><a href=\"https:\/\/www.dmsjuridica.com\/buscador_20179478954\/corteconstitucionalcronologico202454587\/t-682-01\/\" class=\"_self\" target=\"_self\" >T-682-01<\/a><\/h4>\n<div class=\"pt-cv-content\">\u00a0 \u00a0 Sentencia T-682\/01 \u00a0 ACCION DE TUTELA-Improcedencia por sustracci\u00f3n de materia de minusv\u00e1lido que ya no se desempe\u00f1a con concejal \u00a0 Referencia: expediente T-427197 \u00a0 Peticionario: Javier Araque Elaica \u00a0 Accionado: Alcald\u00eda Municipal de Tunja \u00a0 Magistrado Ponente:\u00a0 \u00a0 Dr. MARCO GERARDO MONROY CABRA \u00a0 Bogot\u00e1 D.C., veintiocho (28) de junio de dos mil uno (2001) \u00a0 La Sala Sexta de la Corte Constitucional, integrada por los Magistrados doctores, Eduardo Montealegre Lynet, Alvaro Tafur Galvis y Marco Gerardo Monroy, quien la preside, \u00a0en ejercicio de sus competencias constitucionales y legales han pronunciado la siguiente\u00a0 \u00a0 SENTENCIA \u00a0 En el ...<br \/><div class=\"pt-cv-rmwrap\"><a href=\"https:\/\/www.dmsjuridica.com\/buscador_20179478954\/corteconstitucionalcronologico202454587\/t-682-01\/\" class=\"_self pt-cv-readmore btn btn-success\" target=\"_self\">Ver Sentencia Completa...<\/a><\/div><\/div><\/div><\/div>\n<div class=\"col-md-12 col-sm-12 col-xs-12 pt-cv-content-item pt-cv-1-col\" ><div class='pt-cv-ifield'><a href=\"https:\/\/www.dmsjuridica.com\/buscador_20179478954\/corteconstitucionalcronologico202454587\/t-681-01\/\" class=\"_self pt-cv-href-thumbnail pt-cv-thumb-default\" target=\"_self\" ><\/a>\n<div class=\"pt-cv-taxoterm above_title\"><a href='https:\/\/www.dmsjuridica.com\/buscador_20179478954\/corteconstitucionalcronologico202454587\/category\/buscar-en-toda-la-corte\/2001\/tutelas-2001\/' title='Tutelas 2001' class='pt-cv-tax-tutelas-2001'>Tutelas 2001<\/a><\/div>\n<h4 class=\"pt-cv-title\"><a href=\"https:\/\/www.dmsjuridica.com\/buscador_20179478954\/corteconstitucionalcronologico202454587\/t-681-01\/\" class=\"_self\" target=\"_self\" >T-681-01<\/a><\/h4>\n<div class=\"pt-cv-content\">\u00a0 \u00a0 Sentencia T-681\/01 \u00a0 ADMINISTRADORA DEL REGIMEN SUBSIDIADO-Sucursal debi\u00f3 recibir notificaci\u00f3n \u00a0 La sucursal estaba obligada a comunicarle a la entidad principal y en ning\u00fan momento pod\u00eda rechazar la citaci\u00f3n que le hizo la justicia. M\u00e1xime cuando el Juzgado emple\u00f3 los medios adecuados para recibir una respuesta de la entidad prestadora del servicio y a la que pertenece la accionante y para citar a dicha entidad para que compareciera a la tutela por motivo el presente fallo. A pesar de que se demand\u00f3 al Instituto Departamental de Salud IDESA esto no es \u00f3bice para decidir esta tutela porque el ...<br \/><div class=\"pt-cv-rmwrap\"><a href=\"https:\/\/www.dmsjuridica.com\/buscador_20179478954\/corteconstitucionalcronologico202454587\/t-681-01\/\" class=\"_self pt-cv-readmore btn btn-success\" target=\"_self\">Ver Sentencia Completa...<\/a><\/div><\/div><\/div><\/div>\n<div class=\"col-md-12 col-sm-12 col-xs-12 pt-cv-content-item pt-cv-1-col\" ><div class='pt-cv-ifield'><a href=\"https:\/\/www.dmsjuridica.com\/buscador_20179478954\/corteconstitucionalcronologico202454587\/t-680-01\/\" class=\"_self pt-cv-href-thumbnail pt-cv-thumb-default\" target=\"_self\" ><\/a>\n<div class=\"pt-cv-taxoterm above_title\"><a href='https:\/\/www.dmsjuridica.com\/buscador_20179478954\/corteconstitucionalcronologico202454587\/category\/buscar-en-toda-la-corte\/2001\/tutelas-2001\/' title='Tutelas 2001' class='pt-cv-tax-tutelas-2001'>Tutelas 2001<\/a><\/div>\n<h4 class=\"pt-cv-title\"><a href=\"https:\/\/www.dmsjuridica.com\/buscador_20179478954\/corteconstitucionalcronologico202454587\/t-680-01\/\" class=\"_self\" target=\"_self\" >T-680-01<\/a><\/h4>\n<div class=\"pt-cv-content\">\u00a0 \u00a0 Sentencia T-680\/01 \u00a0 ACCION DE TUTELA-Hecho superado \u00a0 Reiteraci\u00f3n de Jurisprudencia \u00a0 Referencia: expediente T-427275 \u00a0 Acci\u00f3n de tutela instaurada por Jos\u00e9 del Carmen Estevez Ram\u00edrez contra el Instituto de Seguros Sociales. \u00a0 Magistrado Ponente: \u00a0 Dr. EDUARDO MONTEALEGRE LYNETT \u00a0 Bogot\u00e1, D.C., junio veintiocho (28) de dos mil uno (2001). \u00a0 La Sala S\u00e9ptima de Revisi\u00f3n de la Corte Constitucional, en ejercicio de sus competencias constitucionales y legales, en particular las contenidas en los art\u00edculos 86 y 241, numeral 9 de la Constituci\u00f3n y en el Decreto 2591 de 1991, ha proferido la siguiente \u00a0 SENTENCIA \u00a0 ...<br \/><div class=\"pt-cv-rmwrap\"><a href=\"https:\/\/www.dmsjuridica.com\/buscador_20179478954\/corteconstitucionalcronologico202454587\/t-680-01\/\" class=\"_self pt-cv-readmore btn btn-success\" target=\"_self\">Ver Sentencia Completa...<\/a><\/div><\/div><\/div><\/div>\n<div class=\"col-md-12 col-sm-12 col-xs-12 pt-cv-content-item pt-cv-1-col\" ><div class='pt-cv-ifield'><a href=\"https:\/\/www.dmsjuridica.com\/buscador_20179478954\/corteconstitucionalcronologico202454587\/t-679-01\/\" class=\"_self pt-cv-href-thumbnail pt-cv-thumb-default\" target=\"_self\" ><\/a>\n<div class=\"pt-cv-taxoterm above_title\"><a href='https:\/\/www.dmsjuridica.com\/buscador_20179478954\/corteconstitucionalcronologico202454587\/category\/buscar-en-toda-la-corte\/2001\/tutelas-2001\/' title='Tutelas 2001' class='pt-cv-tax-tutelas-2001'>Tutelas 2001<\/a><\/div>\n<h4 class=\"pt-cv-title\"><a href=\"https:\/\/www.dmsjuridica.com\/buscador_20179478954\/corteconstitucionalcronologico202454587\/t-679-01\/\" class=\"_self\" target=\"_self\" >T-679-01<\/a><\/h4>\n<div class=\"pt-cv-content\">\u00a0 \u00a0 Sentencia T-679\/01 \u00a0 ACCION DE TUTELA-Improcedencia general sobre controversias laborales\/ACCION DE TUTELA-Condiciones para procedencia excepcional sobre controversias laborales \u00a0 Esta Corporaci\u00f3n ha considerado que en ciertas circunstancias excepcionales es posible acudir al amparo constitucional para resolver esta clase de conflictos. As\u00ed, la Corte ha se\u00f1alado que una controversia laboral puede someterse a juicio de tutela, desplazando el medio ordinario de defensa cuando se re\u00fanan las siguientes condiciones:? (1) que el problema que se debate sea de naturaleza constitucional, es decir, que pueda implicar la violaci\u00f3n de derechos fundamentales de alguna de las partes de la relaci\u00f3n laboral, puesto ...<br \/><div class=\"pt-cv-rmwrap\"><a href=\"https:\/\/www.dmsjuridica.com\/buscador_20179478954\/corteconstitucionalcronologico202454587\/t-679-01\/\" class=\"_self pt-cv-readmore btn btn-success\" target=\"_self\">Ver Sentencia Completa...<\/a><\/div><\/div><\/div><\/div>\n<div class=\"col-md-12 col-sm-12 col-xs-12 pt-cv-content-item pt-cv-1-col\" ><div class='pt-cv-ifield'><a href=\"https:\/\/www.dmsjuridica.com\/buscador_20179478954\/corteconstitucionalcronologico202454587\/t-678-01\/\" class=\"_self pt-cv-href-thumbnail pt-cv-thumb-default\" target=\"_self\" ><\/a>\n<div class=\"pt-cv-taxoterm above_title\"><a href='https:\/\/www.dmsjuridica.com\/buscador_20179478954\/corteconstitucionalcronologico202454587\/category\/buscar-en-toda-la-corte\/2001\/tutelas-2001\/' title='Tutelas 2001' class='pt-cv-tax-tutelas-2001'>Tutelas 2001<\/a><\/div>\n<h4 class=\"pt-cv-title\"><a href=\"https:\/\/www.dmsjuridica.com\/buscador_20179478954\/corteconstitucionalcronologico202454587\/t-678-01\/\" class=\"_self\" target=\"_self\" >T-678-01<\/a><\/h4>\n<div class=\"pt-cv-content\">\u00a0 \u00a0 Sentencia T-678\/01 \u00a0 LEGITIMACION POR ACTIVA DEL SINDICATO-Presentaci\u00f3n de tutela\u00a0 \u00a0 El representante legal del Sindicato tambi\u00e9n est\u00e1 legitimado para promover la tutela en raz\u00f3n a que existe una subordinaci\u00f3n indirecta, porque sus miembros son trabajadores de la empresa, y por cuanto carece de otros mecanismos id\u00f3neos, distintos de la tutela, que le permitan contrarrestar la vulneraci\u00f3n de sus derechos?. Sin embargo, goza de una doble facultad, es decir, puede actuar en procura de los intereses de la asociaci\u00f3n y, a su vez, para asegurar los derechos de los trabajadores. \u00a0 CAJA DE COMPENSACION FAMILIAR DE ANTIOQUIA-Retiro de ...<br \/><div class=\"pt-cv-rmwrap\"><a href=\"https:\/\/www.dmsjuridica.com\/buscador_20179478954\/corteconstitucionalcronologico202454587\/t-678-01\/\" class=\"_self pt-cv-readmore btn btn-success\" target=\"_self\">Ver Sentencia Completa...<\/a><\/div><\/div><\/div><\/div>\n<div class=\"col-md-12 col-sm-12 col-xs-12 pt-cv-content-item pt-cv-1-col\" ><div class='pt-cv-ifield'><a href=\"https:\/\/www.dmsjuridica.com\/buscador_20179478954\/corteconstitucionalcronologico202454587\/t-677-01\/\" class=\"_self pt-cv-href-thumbnail pt-cv-thumb-default\" target=\"_self\" ><\/a>\n<div class=\"pt-cv-taxoterm above_title\"><a href='https:\/\/www.dmsjuridica.com\/buscador_20179478954\/corteconstitucionalcronologico202454587\/category\/buscar-en-toda-la-corte\/2001\/tutelas-2001\/' title='Tutelas 2001' class='pt-cv-tax-tutelas-2001'>Tutelas 2001<\/a><\/div>\n<h4 class=\"pt-cv-title\"><a href=\"https:\/\/www.dmsjuridica.com\/buscador_20179478954\/corteconstitucionalcronologico202454587\/t-677-01\/\" class=\"_self\" target=\"_self\" >T-677-01<\/a><\/h4>\n<div class=\"pt-cv-content\">\u00a0 \u00a0 Sentencia T-677\/01 \u00a0 CONCILIACION SOBRE DERECHOS FUNDAMENTALES-Improcedencia \u00a0 Ha dicho la Corte Constitucional que los derechos fundamentales, no son \u00a0objeto de transacci\u00f3n o desistimiento, en consecuencia, en principio no ser\u00eda procedente que para su protecci\u00f3n el juez constitucional recurra a la conciliaci\u00f3n. Sin embargo, tambi\u00e9n ha \u00a0establecido la Corte que la convocatoria que hace el juez de tutela a la audiencia de conciliaci\u00f3n y la pr\u00e1ctica de \u00e9sta etapa procesal no son en s\u00ed mismas ilegales y por lo tanto no vician el tr\u00e1mite de la acci\u00f3n. Se hace necesario distinguir entre la conciliaci\u00f3n como etapa procesal y ...<br \/><div class=\"pt-cv-rmwrap\"><a href=\"https:\/\/www.dmsjuridica.com\/buscador_20179478954\/corteconstitucionalcronologico202454587\/t-677-01\/\" class=\"_self pt-cv-readmore btn btn-success\" target=\"_self\">Ver Sentencia Completa...<\/a><\/div><\/div><\/div><\/div>\n<div class=\"col-md-12 col-sm-12 col-xs-12 pt-cv-content-item pt-cv-1-col\" ><div class='pt-cv-ifield'><a href=\"https:\/\/www.dmsjuridica.com\/buscador_20179478954\/corteconstitucionalcronologico202454587\/t-667-01\/\" class=\"_self pt-cv-href-thumbnail pt-cv-thumb-default\" target=\"_self\" ><\/a>\n<div class=\"pt-cv-taxoterm above_title\"><a href='https:\/\/www.dmsjuridica.com\/buscador_20179478954\/corteconstitucionalcronologico202454587\/category\/buscar-en-toda-la-corte\/2001\/tutelas-2001\/' title='Tutelas 2001' class='pt-cv-tax-tutelas-2001'>Tutelas 2001<\/a><\/div>\n<h4 class=\"pt-cv-title\"><a href=\"https:\/\/www.dmsjuridica.com\/buscador_20179478954\/corteconstitucionalcronologico202454587\/t-667-01\/\" class=\"_self\" target=\"_self\" >T-667-01<\/a><\/h4>\n<div class=\"pt-cv-content\">\u00a0 \u00a0 Sentencia T-667\/01 \u00a0 IGUALDAD-Acepciones\/DERECHO A LA IGUALDAD-Car\u00e1cter relacional \u00a0 IGUALDAD-Aplicaci\u00f3n efectiva\/DERECHO A LA IGUALDAD-Trato diferente \u00a0 DERECHO A LA IGUALDAD-No discriminaci\u00f3n por cuanto no existe derecho adquirido \u00a0 Referencia: expediente T-425848. Acci\u00f3n de tutela promovida por Pedro Rafael Ayus P\u00e9rez contra el departamento de C\u00f3rdoba.\u00a0 \u00a0 Magistrada Ponente: \u00a0 Dra. CLARA INES VARGAS HERNANDEZ \u00a0 Bogot\u00e1, \u00a0D. C., veintiocho (28) de junio de dos mil uno (2001). \u00a0 La Sala Novena de Revisi\u00f3n de Tutelas de la Corte Constitucional, integrada por los Magistrados CLARA INES VARGAS HERNANDEZ, JAIME ARAUJO RENTERIA y ALFREDO BELTRAN SIERRA dicta la siguiente \u00a0 ...<br \/><div class=\"pt-cv-rmwrap\"><a href=\"https:\/\/www.dmsjuridica.com\/buscador_20179478954\/corteconstitucionalcronologico202454587\/t-667-01\/\" class=\"_self pt-cv-readmore btn btn-success\" target=\"_self\">Ver Sentencia Completa...<\/a><\/div><\/div><\/div><\/div>\n<div class=\"col-md-12 col-sm-12 col-xs-12 pt-cv-content-item pt-cv-1-col\" ><div class='pt-cv-ifield'><a href=\"https:\/\/www.dmsjuridica.com\/buscador_20179478954\/corteconstitucionalcronologico202454587\/t-666-01\/\" class=\"_self pt-cv-href-thumbnail pt-cv-thumb-default\" target=\"_self\" ><\/a>\n<div class=\"pt-cv-taxoterm above_title\"><a href='https:\/\/www.dmsjuridica.com\/buscador_20179478954\/corteconstitucionalcronologico202454587\/category\/buscar-en-toda-la-corte\/2001\/tutelas-2001\/' title='Tutelas 2001' class='pt-cv-tax-tutelas-2001'>Tutelas 2001<\/a><\/div>\n<h4 class=\"pt-cv-title\"><a href=\"https:\/\/www.dmsjuridica.com\/buscador_20179478954\/corteconstitucionalcronologico202454587\/t-666-01\/\" class=\"_self\" target=\"_self\" >T-666-01<\/a><\/h4>\n<div class=\"pt-cv-content\">\u00a0 \u00a0 Sentencia T-666\/01 \u00a0 ACCION DE TUTELA-Procedencia excepcional pago de mesadas pensionales \u00a0 DERECHO AL MINIMO VITAL DEL TRABAJADOR-Demostraci\u00f3n sumaria de afectaci\u00f3n y uso de facultad oficiosa por el juez \u00a0 EMPLEADOR-Situaci\u00f3n econ\u00f3mica o presupuestal no es \u00f3bice para desconocer obligaciones laborales \u00a0 DERECHO AL MINIMO VITAL DEL PENSIONADO-Pago oportuno de mesadas \u00a0 Referencia: expediente T-422227. Acci\u00f3n de tutela promovida por Jos\u00e9 Demetrio Mart\u00edn Nova contra el Ministerio de Salud -Fondo del Pasivo Prestacional del Sector Salud- y la Fundaci\u00f3n San Juan de Dios.\u00a0 \u00a0 Magistrada Ponente: \u00a0 Dra. CLARA INES VARGAS HERNANDEZ \u00a0 Bogot\u00e1, \u00a0D. C., veintiocho (28) ...<br \/><div class=\"pt-cv-rmwrap\"><a href=\"https:\/\/www.dmsjuridica.com\/buscador_20179478954\/corteconstitucionalcronologico202454587\/t-666-01\/\" class=\"_self pt-cv-readmore btn btn-success\" target=\"_self\">Ver Sentencia Completa...<\/a><\/div><\/div><\/div><\/div>\n<div class=\"col-md-12 col-sm-12 col-xs-12 pt-cv-content-item pt-cv-1-col\" ><div class='pt-cv-ifield'><a href=\"https:\/\/www.dmsjuridica.com\/buscador_20179478954\/corteconstitucionalcronologico202454587\/t-665-01\/\" class=\"_self pt-cv-href-thumbnail pt-cv-thumb-default\" target=\"_self\" ><\/a>\n<div class=\"pt-cv-taxoterm above_title\"><a href='https:\/\/www.dmsjuridica.com\/buscador_20179478954\/corteconstitucionalcronologico202454587\/category\/buscar-en-toda-la-corte\/2001\/tutelas-2001\/' title='Tutelas 2001' class='pt-cv-tax-tutelas-2001'>Tutelas 2001<\/a><\/div>\n<h4 class=\"pt-cv-title\"><a href=\"https:\/\/www.dmsjuridica.com\/buscador_20179478954\/corteconstitucionalcronologico202454587\/t-665-01\/\" class=\"_self\" target=\"_self\" >T-665-01<\/a><\/h4>\n<div class=\"pt-cv-content\">\u00a0 \u00a0 Sentencia T-665\/01 \u00a0 Referencia: expediente T-416070. Acci\u00f3n de tutela formulada por Doris Medina Fajardo contra la Secretar\u00eda de Educaci\u00f3n Distrital de Bogot\u00e1\u00a0 \u00a0 Magistrada Ponente: \u00a0 Dra. CLARA INES VARGAS HERNANDEZ. \u00a0 Bogot\u00e1, D. C., veintiocho (28) de junio de dos mil uno (2001).\u00a0 \u00a0 La Sala Novena de Revisi\u00f3n de la Corte Constitucional, en ejercicio de sus competencias constitucionales y legales, concretamente las previstas en los art\u00edculos 86 y 241, numeral 9, de la Constituci\u00f3n Pol\u00edtica y en el decreto 2591 de 1991, dicta la siguiente \u00a0 SENTENCIA \u00a0 En el proceso de revisi\u00f3n del fallo calendado ...<br \/><div class=\"pt-cv-rmwrap\"><a href=\"https:\/\/www.dmsjuridica.com\/buscador_20179478954\/corteconstitucionalcronologico202454587\/t-665-01\/\" class=\"_self pt-cv-readmore btn btn-success\" target=\"_self\">Ver Sentencia Completa...<\/a><\/div><\/div><\/div><\/div>\n<div class=\"col-md-12 col-sm-12 col-xs-12 pt-cv-content-item pt-cv-1-col\" ><div class='pt-cv-ifield'><a href=\"https:\/\/www.dmsjuridica.com\/buscador_20179478954\/corteconstitucionalcronologico202454587\/t-664-01\/\" class=\"_self pt-cv-href-thumbnail pt-cv-thumb-default\" target=\"_self\" ><\/a>\n<div class=\"pt-cv-taxoterm above_title\"><a href='https:\/\/www.dmsjuridica.com\/buscador_20179478954\/corteconstitucionalcronologico202454587\/category\/buscar-en-toda-la-corte\/2001\/tutelas-2001\/' title='Tutelas 2001' class='pt-cv-tax-tutelas-2001'>Tutelas 2001<\/a><\/div>\n<h4 class=\"pt-cv-title\"><a href=\"https:\/\/www.dmsjuridica.com\/buscador_20179478954\/corteconstitucionalcronologico202454587\/t-664-01\/\" class=\"_self\" target=\"_self\" >T-664-01<\/a><\/h4>\n<div class=\"pt-cv-content\">\u00a0 \u00a0 Sentencia T-664\/01 \u00a0 DERECHO A LA ESTABILIDAD LABORAL REFORZADA DE MUJER EMBARAZADA-Protecci\u00f3n constitucional especial \u00a0 ACCION DE TUTELA TRANSITORIA-Casos excepcionales de reintegro por despido de mujer embarazada \u00a0 ACCION DE TUTELA TRANSITORIA DE MUJER EMBARAZADA-Elementos f\u00e1cticos que deben demostrarse \u00a0 CONTRATO A TERMINO FIJO-Estabilidad\/PRINCIPIO DE PRIMACIA DE REALIDAD SOBRE FORMALIDADES ESTABLECIDAS POR SUJETOS DE RELACIONES LABORALES \u00a0 CONTRATO A TERMINO FIJO-Manifestaci\u00f3n escrita de no renovaci\u00f3n\/MUJER EMBARAZADA EN CONTRATO A TERMINO FIJO-No se demostr\u00f3 relaci\u00f3n directa de causalidad entre el estado de embarazo y la no renovaci\u00f3n del contrato \u00a0 Reiteraci\u00f3n de Jurisprudencia \u00a0 Referencia: expediente T-449 083 \u00a0 ...<br \/><div class=\"pt-cv-rmwrap\"><a href=\"https:\/\/www.dmsjuridica.com\/buscador_20179478954\/corteconstitucionalcronologico202454587\/t-664-01\/\" class=\"_self pt-cv-readmore btn btn-success\" target=\"_self\">Ver Sentencia Completa...<\/a><\/div><\/div><\/div><\/div>\n<div class=\"col-md-12 col-sm-12 col-xs-12 pt-cv-content-item pt-cv-1-col\" ><div class='pt-cv-ifield'><a href=\"https:\/\/www.dmsjuridica.com\/buscador_20179478954\/corteconstitucionalcronologico202454587\/t-663-01\/\" class=\"_self pt-cv-href-thumbnail pt-cv-thumb-default\" target=\"_self\" ><\/a>\n<div class=\"pt-cv-taxoterm above_title\"><a href='https:\/\/www.dmsjuridica.com\/buscador_20179478954\/corteconstitucionalcronologico202454587\/category\/buscar-en-toda-la-corte\/2001\/tutelas-2001\/' title='Tutelas 2001' class='pt-cv-tax-tutelas-2001'>Tutelas 2001<\/a><\/div>\n<h4 class=\"pt-cv-title\"><a href=\"https:\/\/www.dmsjuridica.com\/buscador_20179478954\/corteconstitucionalcronologico202454587\/t-663-01\/\" class=\"_self\" target=\"_self\" >T-663-01<\/a><\/h4>\n<div class=\"pt-cv-content\">\u00a0 \u00a0 Sentencia T-663\/01 \u00a0 ACCION DE TUTELA-Improcedencia para reintegro al cargo por orden judicial \u00a0 Teniendo en cuenta el v\u00ednculo contractual que ostentaban los actores cuando estuvieron al servicio del extremo demandado, fuerza concluir la imposibilidad f\u00e1ctica y jur\u00eddica que implicaba la concreci\u00f3n de los mencionados reintegros ante una planta de personal que por entonces carec\u00eda ya del segmento correspondiente a los cargos de trabajadores oficiales. Cierto es tambi\u00e9n que los peticionarios habr\u00edan podido alegar el derecho a que su reintegro se materializara en un cargo de libre nombramiento y remoci\u00f3n, toda vez que las respectivas decisiones de los ...<br \/><div class=\"pt-cv-rmwrap\"><a href=\"https:\/\/www.dmsjuridica.com\/buscador_20179478954\/corteconstitucionalcronologico202454587\/t-663-01\/\" class=\"_self pt-cv-readmore btn btn-success\" target=\"_self\">Ver Sentencia Completa...<\/a><\/div><\/div><\/div><\/div>\n<div class=\"col-md-12 col-sm-12 col-xs-12 pt-cv-content-item pt-cv-1-col\" ><div class='pt-cv-ifield'><a href=\"https:\/\/www.dmsjuridica.com\/buscador_20179478954\/corteconstitucionalcronologico202454587\/t-662-01\/\" class=\"_self pt-cv-href-thumbnail pt-cv-thumb-default\" target=\"_self\" ><\/a>\n<div class=\"pt-cv-taxoterm above_title\"><a href='https:\/\/www.dmsjuridica.com\/buscador_20179478954\/corteconstitucionalcronologico202454587\/category\/buscar-en-toda-la-corte\/2001\/tutelas-2001\/' title='Tutelas 2001' class='pt-cv-tax-tutelas-2001'>Tutelas 2001<\/a><\/div>\n<h4 class=\"pt-cv-title\"><a href=\"https:\/\/www.dmsjuridica.com\/buscador_20179478954\/corteconstitucionalcronologico202454587\/t-662-01\/\" class=\"_self\" target=\"_self\" >T-662-01<\/a><\/h4>\n<div class=\"pt-cv-content\">\u00a0 \u00a0 Sentencia T-662\/01 \u00a0 IUS VARIANDI EN TRASLADO DE PERSONAL DE AGENTES DE LA FUERZA AEREA-Decisi\u00f3n de los superiores \u00a0 POLICIA NACIONAL-Alto grado de discrecionalidad para traslados \u00a0 ACCION DE TUTELA-Hecho superado por retiro de la c\u00f3nyuge de la Fuerza A\u00e9rea \u00a0 Reiteraci\u00f3n de Jurisprudencia \u00a0 Referencia: expediente T-412 757 \u00a0 Acci\u00f3n de tutela instaurada por Arian Stevens Babativa Salguero contra la Fuerza A\u00e9rea Colombiana. \u00a0 Magistrado Ponente: \u00a0 Dr. JAIME ARAUJO RENTERIA \u00a0 Bogot\u00e1, D. C., a los veintisiete (27) d\u00edas del mes de junio del a\u00f1o dos mil uno (2001). \u00a0 La Sala Primera de Revisi\u00f3n de ...<br \/><div class=\"pt-cv-rmwrap\"><a href=\"https:\/\/www.dmsjuridica.com\/buscador_20179478954\/corteconstitucionalcronologico202454587\/t-662-01\/\" class=\"_self pt-cv-readmore btn btn-success\" target=\"_self\">Ver Sentencia Completa...<\/a><\/div><\/div><\/div><\/div>\n<div class=\"col-md-12 col-sm-12 col-xs-12 pt-cv-content-item pt-cv-1-col\" ><div class='pt-cv-ifield'><a href=\"https:\/\/www.dmsjuridica.com\/buscador_20179478954\/corteconstitucionalcronologico202454587\/t-661-01\/\" class=\"_self pt-cv-href-thumbnail pt-cv-thumb-default\" target=\"_self\" ><\/a>\n<div class=\"pt-cv-taxoterm above_title\"><a href='https:\/\/www.dmsjuridica.com\/buscador_20179478954\/corteconstitucionalcronologico202454587\/category\/buscar-en-toda-la-corte\/2001\/tutelas-2001\/' title='Tutelas 2001' class='pt-cv-tax-tutelas-2001'>Tutelas 2001<\/a><\/div>\n<h4 class=\"pt-cv-title\"><a href=\"https:\/\/www.dmsjuridica.com\/buscador_20179478954\/corteconstitucionalcronologico202454587\/t-661-01\/\" class=\"_self\" target=\"_self\" >T-661-01<\/a><\/h4>\n<div class=\"pt-cv-content\">\u00a0 \u00a0 Sentencia T-661\/01 \u00a0 ACCION DE TUTELA CONTRA BANCOS-Procedencia \u00a0 El presente caso no requiere de la explicaci\u00f3n sobre la procedencia de la acci\u00f3n de tutela frente a los particulares que prestan el servicio bancario, debido a que las dos entidades financieras, operan bajo el r\u00e9gimen de las empresas industriales y comerciales del Estado. De este modo, cumplen con dos de los aspectos previstos en el art\u00edculo 86 de la Constituci\u00f3n para que frente a su actividad las personas puedan utilizar la acci\u00f3n de tutela, las dos entidades financieras prestan un servicio p\u00fablico y adem\u00e1s pertenecen al Estado. Sin ...<br \/><div class=\"pt-cv-rmwrap\"><a href=\"https:\/\/www.dmsjuridica.com\/buscador_20179478954\/corteconstitucionalcronologico202454587\/t-661-01\/\" class=\"_self pt-cv-readmore btn btn-success\" target=\"_self\">Ver Sentencia Completa...<\/a><\/div><\/div><\/div><\/div>\n<div class=\"col-md-12 col-sm-12 col-xs-12 pt-cv-content-item pt-cv-1-col\" ><div class='pt-cv-ifield'><a href=\"https:\/\/www.dmsjuridica.com\/buscador_20179478954\/corteconstitucionalcronologico202454587\/t-660-01\/\" class=\"_self pt-cv-href-thumbnail pt-cv-thumb-default\" target=\"_self\" ><\/a>\n<div class=\"pt-cv-taxoterm above_title\"><a href='https:\/\/www.dmsjuridica.com\/buscador_20179478954\/corteconstitucionalcronologico202454587\/category\/buscar-en-toda-la-corte\/2001\/tutelas-2001\/' title='Tutelas 2001' class='pt-cv-tax-tutelas-2001'>Tutelas 2001<\/a><\/div>\n<h4 class=\"pt-cv-title\"><a href=\"https:\/\/www.dmsjuridica.com\/buscador_20179478954\/corteconstitucionalcronologico202454587\/t-660-01\/\" class=\"_self\" target=\"_self\" >T-660-01<\/a><\/h4>\n<div class=\"pt-cv-content\">\u00a0 \u00a0 Sentencia T-660\/01 \u00a0 ACCION DE TUTELA-Procedencia excepcional pago de salarios \u00a0 DERECHO AL MINIMO VITAL DEL TRABAJADOR-Presunci\u00f3n de afectaci\u00f3n por ausencia prolongada en pago de salarios \u00a0 DERECHO AL PAGO OPORTUNO DEL SALARIO-Fundamental \u00a0 DERECHO AL MINIMO VITAL DEL TRABAJADOR-Pago oportuno de salarios \u00a0 Referencia: expedientes: T-427911 y T-427912\u00a0 \u00a0 Acciones de tutela instauradas por Sara Esther Zapata Revolledo y Adalgiza Quintero Ru\u00edz contra el Municipio de Zona Bananera (Magdalena). \u00a0 Magistrado Ponente: \u00a0 Dr. EDUARDO MONTEALEGRE LYNETT. \u00a0 Bogot\u00e1 D.C., junio veintid\u00f3s (22) de dos mil uno (2001). \u00a0 La Sala S\u00e9ptima de Revisi\u00f3n de la Corte ...<br \/><div class=\"pt-cv-rmwrap\"><a href=\"https:\/\/www.dmsjuridica.com\/buscador_20179478954\/corteconstitucionalcronologico202454587\/t-660-01\/\" class=\"_self pt-cv-readmore btn btn-success\" target=\"_self\">Ver Sentencia Completa...<\/a><\/div><\/div><\/div><\/div>\n<div class=\"col-md-12 col-sm-12 col-xs-12 pt-cv-content-item pt-cv-1-col\" ><div class='pt-cv-ifield'><a href=\"https:\/\/www.dmsjuridica.com\/buscador_20179478954\/corteconstitucionalcronologico202454587\/t-659-01\/\" class=\"_self pt-cv-href-thumbnail pt-cv-thumb-default\" target=\"_self\" ><\/a>\n<div class=\"pt-cv-taxoterm above_title\"><a href='https:\/\/www.dmsjuridica.com\/buscador_20179478954\/corteconstitucionalcronologico202454587\/category\/buscar-en-toda-la-corte\/2001\/tutelas-2001\/' title='Tutelas 2001' class='pt-cv-tax-tutelas-2001'>Tutelas 2001<\/a><\/div>\n<h4 class=\"pt-cv-title\"><a href=\"https:\/\/www.dmsjuridica.com\/buscador_20179478954\/corteconstitucionalcronologico202454587\/t-659-01\/\" class=\"_self\" target=\"_self\" >T-659-01<\/a><\/h4>\n<div class=\"pt-cv-content\">\u00a0 \u00a0 Sentencia T-659\/01 \u00a0 -Reiteraci\u00f3n de Jurisprudencia- \u00a0 Referencia: expedientes \u00a0T-424016 \u00a0y \u00a0T-432711. \u00a0 Acciones de tutela instauradas por Luz Ena Moreno Silva y Marco D\u00edaz Mosquera contra \u00a0el Hospital La Candelaria del Municipio del Banco (Magdalena). \u00a0 Magistrado Ponente: \u00a0 Dr. EDUARDO MONTEALEGRE LYNETT.\u00a0 \u00a0 Bogot\u00e1, D.C. junio veintid\u00f3s (22) de dos mil uno (2001). \u00a0 La Sala S\u00e9ptima de Revisi\u00f3n de la Corte Constitucional, integrada por los Magistrados Eduardo Montealegre Lynett, Alvaro Tafur Galvis y Clara In\u00e9s Vargas Hern\u00e1ndez, en uso de sus facultades constitucionales y legales ha proferido la siguiente \u00a0 SENTENCIA \u00a0 dentro del proceso ...<br \/><div class=\"pt-cv-rmwrap\"><a href=\"https:\/\/www.dmsjuridica.com\/buscador_20179478954\/corteconstitucionalcronologico202454587\/t-659-01\/\" class=\"_self pt-cv-readmore btn btn-success\" target=\"_self\">Ver Sentencia Completa...<\/a><\/div><\/div><\/div><\/div>\n<div class=\"col-md-12 col-sm-12 col-xs-12 pt-cv-content-item pt-cv-1-col\" ><div class='pt-cv-ifield'><a href=\"https:\/\/www.dmsjuridica.com\/buscador_20179478954\/corteconstitucionalcronologico202454587\/t-658-01\/\" class=\"_self pt-cv-href-thumbnail pt-cv-thumb-default\" target=\"_self\" ><\/a>\n<div class=\"pt-cv-taxoterm above_title\"><a href='https:\/\/www.dmsjuridica.com\/buscador_20179478954\/corteconstitucionalcronologico202454587\/category\/buscar-en-toda-la-corte\/2001\/tutelas-2001\/' title='Tutelas 2001' class='pt-cv-tax-tutelas-2001'>Tutelas 2001<\/a><\/div>\n<h4 class=\"pt-cv-title\"><a href=\"https:\/\/www.dmsjuridica.com\/buscador_20179478954\/corteconstitucionalcronologico202454587\/t-658-01\/\" class=\"_self\" target=\"_self\" >T-658-01<\/a><\/h4>\n<div class=\"pt-cv-content\">\u00a0 \u00a0 Sentencia T-658\/01 \u00a0 DERECHO AL PAGO OPORTUNO DEL SALARIO-Fundamental \u00a0 DERECHO AL MINIMO VITAL DEL TRABAJADOR-Pago oportuno de salarios \u00a0 EMPLEADOR-Situaci\u00f3n econ\u00f3mica o presupuestal no es \u00f3bice para desconocer pago de salarios \u00a0 Referencia: expedientes: T- 425972, 426499 y 426077 \u00a0 Actores: Alberto Mart\u00ednez Salas, Victor Mart\u00ednez Mart\u00ednez y Rogelio Daza Ariza y otros \u00a0 Procedencia: Juzgado Segundo Penal del Circuito Barranquilla y Juzgado S\u00e9ptimo Penal del Circuito de Barranquilla \u00a0 Magistrado Ponente:\u00a0 \u00a0 Dr. MARCO GERARDO MONROY CABRA \u00a0 Bogot\u00e1 D.C., veintiuno (21) de junio de dos mil uno (2001) \u00a0 La Sala Sexta de la Corte ...<br \/><div class=\"pt-cv-rmwrap\"><a href=\"https:\/\/www.dmsjuridica.com\/buscador_20179478954\/corteconstitucionalcronologico202454587\/t-658-01\/\" class=\"_self pt-cv-readmore btn btn-success\" target=\"_self\">Ver Sentencia Completa...<\/a><\/div><\/div><\/div><\/div>\n<div class=\"col-md-12 col-sm-12 col-xs-12 pt-cv-content-item pt-cv-1-col\" ><div class='pt-cv-ifield'><a href=\"https:\/\/www.dmsjuridica.com\/buscador_20179478954\/corteconstitucionalcronologico202454587\/t-657-01\/\" class=\"_self pt-cv-href-thumbnail pt-cv-thumb-default\" target=\"_self\" ><\/a>\n<div class=\"pt-cv-taxoterm above_title\"><a href='https:\/\/www.dmsjuridica.com\/buscador_20179478954\/corteconstitucionalcronologico202454587\/category\/buscar-en-toda-la-corte\/2001\/tutelas-2001\/' title='Tutelas 2001' class='pt-cv-tax-tutelas-2001'>Tutelas 2001<\/a><\/div>\n<h4 class=\"pt-cv-title\"><a href=\"https:\/\/www.dmsjuridica.com\/buscador_20179478954\/corteconstitucionalcronologico202454587\/t-657-01\/\" class=\"_self\" target=\"_self\" >T-657-01<\/a><\/h4>\n<div class=\"pt-cv-content\">\u00a0 \u00a0 Sentencia T-657\/01 \u00a0 DERECHO A LA ESTABILIDAD LABORAL REFORZADA DE MUJER EMBARAZADA-Alcance \u00a0 MUJER TRABAJADORA EMBARAZADA-Protecci\u00f3n laboral \u00a0 ACCION DE TUTELA TRANSITORIA DE MUJER EMBARAZADA-Elementos f\u00e1cticos que deben demostrarse \u00a0 MUJER EMBARAZADA EN CONTRATO A TERMINO FIJO-Terminaci\u00f3n de labor contratada\/ACCION DE TUTELA-Improcedencia por inexistencia de despido \u00a0 Referencia: expediente T- 457.150 \u00a0 Acci\u00f3n de tutela instaurada por Silvana Dorotea Torres Torres contra el sacerdote Manuel Santamar\u00eda Urbiena, representante legal del establecimiento educativo, Liceo de Cervantes de Barranquilla.\u00a0 \u00a0 Procedencia: Tribunal Superior de Barranquilla, Sala Laboral\u00a0 \u00a0 Magistrado Ponente: \u00a0 Dr. ALFREDO BELTR\u00c1N SIERRA \u00a0 Sentencia aprobada en Bogot\u00e1 ...<br \/><div class=\"pt-cv-rmwrap\"><a href=\"https:\/\/www.dmsjuridica.com\/buscador_20179478954\/corteconstitucionalcronologico202454587\/t-657-01\/\" class=\"_self pt-cv-readmore btn btn-success\" target=\"_self\">Ver Sentencia Completa...<\/a><\/div><\/div><\/div><\/div>\n<div class=\"col-md-12 col-sm-12 col-xs-12 pt-cv-content-item pt-cv-1-col\" ><div class='pt-cv-ifield'><a href=\"https:\/\/www.dmsjuridica.com\/buscador_20179478954\/corteconstitucionalcronologico202454587\/t-656-01\/\" class=\"_self pt-cv-href-thumbnail pt-cv-thumb-default\" target=\"_self\" ><\/a>\n<div class=\"pt-cv-taxoterm above_title\"><a href='https:\/\/www.dmsjuridica.com\/buscador_20179478954\/corteconstitucionalcronologico202454587\/category\/buscar-en-toda-la-corte\/2001\/tutelas-2001\/' title='Tutelas 2001' class='pt-cv-tax-tutelas-2001'>Tutelas 2001<\/a><\/div>\n<h4 class=\"pt-cv-title\"><a href=\"https:\/\/www.dmsjuridica.com\/buscador_20179478954\/corteconstitucionalcronologico202454587\/t-656-01\/\" class=\"_self\" target=\"_self\" >T-656-01<\/a><\/h4>\n<div class=\"pt-cv-content\">\u00a0 \u00a0 Sentencia T-656\/01 \u00a0 ACCION DE TUTELA TEMERARIA\/ACCION DE TUTELA-Uso desmedido y arbitrario \u00a0 Referencia: expediente T-454501 \u00a0 Magistrado Ponente:\u00a0 \u00a0 Dr. ALFREDO BELTR\u00c1N SIERRA. \u00a0 Bogot\u00e1, D.C., veintiuno (21) de junio de dos mil uno (2001). \u00a0 La Sala Segunda de Revisi\u00f3n de la Corte Constitucional, integrada por los magistrados, Alfredo Beltr\u00e1n Sierra, Manuel Jos\u00e9 Cepeda Espinosa y Jaime C\u00f3rdoba Trivi\u00f1o, en ejercicio de sus competencias constitucionales y legales, ha proferido la siguiente : \u00a0 SENTENCIA \u00a0 El expediente lleg\u00f3 a la Corte Constitucional, por remisi\u00f3n que se hizo en virtud de lo ordenado por el art\u00edculo 31 ...<br \/><div class=\"pt-cv-rmwrap\"><a href=\"https:\/\/www.dmsjuridica.com\/buscador_20179478954\/corteconstitucionalcronologico202454587\/t-656-01\/\" class=\"_self pt-cv-readmore btn btn-success\" target=\"_self\">Ver Sentencia Completa...<\/a><\/div><\/div><\/div><\/div>\n<div class=\"col-md-12 col-sm-12 col-xs-12 pt-cv-content-item pt-cv-1-col\" ><div class='pt-cv-ifield'><a href=\"https:\/\/www.dmsjuridica.com\/buscador_20179478954\/corteconstitucionalcronologico202454587\/t-655-01\/\" class=\"_self pt-cv-href-thumbnail pt-cv-thumb-default\" target=\"_self\" ><\/a>\n<div class=\"pt-cv-taxoterm above_title\"><a href='https:\/\/www.dmsjuridica.com\/buscador_20179478954\/corteconstitucionalcronologico202454587\/category\/buscar-en-toda-la-corte\/2001\/tutelas-2001\/' title='Tutelas 2001' class='pt-cv-tax-tutelas-2001'>Tutelas 2001<\/a><\/div>\n<h4 class=\"pt-cv-title\"><a href=\"https:\/\/www.dmsjuridica.com\/buscador_20179478954\/corteconstitucionalcronologico202454587\/t-655-01\/\" class=\"_self\" target=\"_self\" >T-655-01<\/a><\/h4>\n<div class=\"pt-cv-content\">\u00a0 \u00a0 Sentencia T-655\/01 \u00a0 VIA DE HECHO-Se niega pensi\u00f3n por demora en emisi\u00f3n del bono\u00a0 \u00a0 BONOS PENSIONALES-Expedici\u00f3n y emisi\u00f3n \u00a0 BONOS PENSIONALES-Demora en la emisi\u00f3n afecta derechos fundamentales\u00a0 \u00a0 Referencia: expediente T-446823 \u00a0 Peticionaria: \u00a0Melitina Valdez de Madrid \u00a0 Magistrado Ponente:\u00a0 \u00a0 Dr. ALFREDO BELTR\u00c1N SIERRA. \u00a0 Bogot\u00e1, D.C., veintiuno (21) de junio de dos mil uno (2001). \u00a0 La Sala Segunda de Revisi\u00f3n de la Corte Constitucional, integrada por los magistrados, Alfredo Beltr\u00e1n Sierra, Manuel Jos\u00e9 Cepeda Espinosa y Jaime C\u00f3rdoba Trivi\u00f1o, en ejercicio de sus competencias constitucionales y legales, ha proferido la siguiente : \u00a0 SENTENCIA ...<br \/><div class=\"pt-cv-rmwrap\"><a href=\"https:\/\/www.dmsjuridica.com\/buscador_20179478954\/corteconstitucionalcronologico202454587\/t-655-01\/\" class=\"_self pt-cv-readmore btn btn-success\" target=\"_self\">Ver Sentencia Completa...<\/a><\/div><\/div><\/div><\/div>\n<div class=\"col-md-12 col-sm-12 col-xs-12 pt-cv-content-item pt-cv-1-col\" ><div class='pt-cv-ifield'><a href=\"https:\/\/www.dmsjuridica.com\/buscador_20179478954\/corteconstitucionalcronologico202454587\/t-654-01\/\" class=\"_self pt-cv-href-thumbnail pt-cv-thumb-default\" target=\"_self\" ><\/a>\n<div class=\"pt-cv-taxoterm above_title\"><a href='https:\/\/www.dmsjuridica.com\/buscador_20179478954\/corteconstitucionalcronologico202454587\/category\/buscar-en-toda-la-corte\/2001\/tutelas-2001\/' title='Tutelas 2001' class='pt-cv-tax-tutelas-2001'>Tutelas 2001<\/a><\/div>\n<h4 class=\"pt-cv-title\"><a href=\"https:\/\/www.dmsjuridica.com\/buscador_20179478954\/corteconstitucionalcronologico202454587\/t-654-01\/\" class=\"_self\" target=\"_self\" >T-654-01<\/a><\/h4>\n<div class=\"pt-cv-content\">\u00a0 \u00a0 Sentencia T-654\/01 \u00a0 DERECHO DE PARTICIPACION DE LA COMUNIDAD EDUCATIVA UNIVERSITARIA EN LA ELECCION DE SUS DIRECTIVAS-Elecci\u00f3n de rector\/ACCION DE TUTELA Y ACCION ELECTORAL-Elecci\u00f3n de rector\/MEDIO DE DEFENSA JUDICIAL-Elecci\u00f3n de rector\/PERJUICIO IRREMEDIABLE-Inexistencia cuando se trata de elecci\u00f3n de rector \u00a0 Se est\u00e1 frente a un hecho superado, porque una de las pretensiones de la demanda de tutela era, precisamente, que se revocara la elecci\u00f3n del Rector. Una pretensi\u00f3n de esta naturaleza tiene claramente establecido el otro medio de defensa judicial, el que fue oportunamente ejercido, y del que ya se produjo sentencia. La otra pretensi\u00f3n consiste en que ...<br \/><div class=\"pt-cv-rmwrap\"><a href=\"https:\/\/www.dmsjuridica.com\/buscador_20179478954\/corteconstitucionalcronologico202454587\/t-654-01\/\" class=\"_self pt-cv-readmore btn btn-success\" target=\"_self\">Ver Sentencia Completa...<\/a><\/div><\/div><\/div><\/div>\n<div class=\"col-md-12 col-sm-12 col-xs-12 pt-cv-content-item pt-cv-1-col\" ><div class='pt-cv-ifield'><a href=\"https:\/\/www.dmsjuridica.com\/buscador_20179478954\/corteconstitucionalcronologico202454587\/t-645-01\/\" class=\"_self pt-cv-href-thumbnail pt-cv-thumb-default\" target=\"_self\" ><\/a>\n<div class=\"pt-cv-taxoterm above_title\"><a href='https:\/\/www.dmsjuridica.com\/buscador_20179478954\/corteconstitucionalcronologico202454587\/category\/buscar-en-toda-la-corte\/2001\/tutelas-2001\/' title='Tutelas 2001' class='pt-cv-tax-tutelas-2001'>Tutelas 2001<\/a><\/div>\n<h4 class=\"pt-cv-title\"><a href=\"https:\/\/www.dmsjuridica.com\/buscador_20179478954\/corteconstitucionalcronologico202454587\/t-645-01\/\" class=\"_self\" target=\"_self\" >T-645-01<\/a><\/h4>\n<div class=\"pt-cv-content\">\u00a0 \u00a0 Sentencia T-645\/01 \u00a0 ACCION DE TUTELA-Procedencia excepcional pago de acreencias laborales \u00a0 DERECHO AL PAGO OPORTUNO DEL SALARIO-Fundamental \u00a0 DERECHO AL MINIMO VITAL DEL TRABAJADOR-Pago oportuno de salarios \u00a0 Acci\u00f3n de Tutela incoada por Jenny Teresa L\u00f3pez Carabal\u00ed contra el Alcalde Municipal de Tumaco. \u00a0 Magistrado Ponente\u00a0: \u00a0 Dr. ALVARO TAFUR GALVIS. \u00a0 Bogot\u00e1 D.C., junio diecinueve (19) de dos mil uno (2.001). \u00a0 La Sala Octava de Revisi\u00f3n de Tutelas de la Corte Constitucional, compuesta por los Magistrados, Alvaro Tafur Galvis, Clara In\u00e9s Vargas Hern\u00e1ndez y Jaime Araujo Renter\u00eda, en ejercicio de sus competencias constitucionales y legales, ...<br \/><div class=\"pt-cv-rmwrap\"><a href=\"https:\/\/www.dmsjuridica.com\/buscador_20179478954\/corteconstitucionalcronologico202454587\/t-645-01\/\" class=\"_self pt-cv-readmore btn btn-success\" target=\"_self\">Ver Sentencia Completa...<\/a><\/div><\/div><\/div><\/div>\n<div class=\"col-md-12 col-sm-12 col-xs-12 pt-cv-content-item pt-cv-1-col\" ><div class='pt-cv-ifield'><a href=\"https:\/\/www.dmsjuridica.com\/buscador_20179478954\/corteconstitucionalcronologico202454587\/t-644-01\/\" class=\"_self pt-cv-href-thumbnail pt-cv-thumb-default\" target=\"_self\" ><\/a>\n<div class=\"pt-cv-taxoterm above_title\"><a href='https:\/\/www.dmsjuridica.com\/buscador_20179478954\/corteconstitucionalcronologico202454587\/category\/buscar-en-toda-la-corte\/2001\/tutelas-2001\/' title='Tutelas 2001' class='pt-cv-tax-tutelas-2001'>Tutelas 2001<\/a><\/div>\n<h4 class=\"pt-cv-title\"><a href=\"https:\/\/www.dmsjuridica.com\/buscador_20179478954\/corteconstitucionalcronologico202454587\/t-644-01\/\" class=\"_self\" target=\"_self\" >T-644-01<\/a><\/h4>\n<div class=\"pt-cv-content\">\u00a0 \u00a0 Sentencia T-644\/01 \u00a0 DERECHO A LA ENTREGA DEL MEDICAMENTO-No se prob\u00f3 incapacidad econ\u00f3mica para adquirirlo ni afectaci\u00f3n de derecho fundamental \u00a0 Reiteraci\u00f3n de Jurisprudencia \u00a0 Referencia: expediente T-425304 \u00a0 Acci\u00f3n de tutela instaurada por Jes\u00fas El\u00edas Pati\u00f1o Henao contra el Instituto de Seguros Sociales. \u00a0 Magistrado Ponente: \u00a0 Dr. ALVARO TAFUR GALVIS \u00a0 Bogot\u00e1, D.C. junio diecinueve (19) de dos mil uno (2001). \u00a0 La Sala Octava de Revisi\u00f3n de la Corte Constitucional, en ejercicio de sus competencias constitucionales y legales, en particular las contenidas en los art\u00edculos 86 y 241, numeral 9, de la Constituci\u00f3n y el ...<br \/><div class=\"pt-cv-rmwrap\"><a href=\"https:\/\/www.dmsjuridica.com\/buscador_20179478954\/corteconstitucionalcronologico202454587\/t-644-01\/\" class=\"_self pt-cv-readmore btn btn-success\" target=\"_self\">Ver Sentencia Completa...<\/a><\/div><\/div><\/div><\/div>\n<div class=\"col-md-12 col-sm-12 col-xs-12 pt-cv-content-item pt-cv-1-col\" ><div class='pt-cv-ifield'><a href=\"https:\/\/www.dmsjuridica.com\/buscador_20179478954\/corteconstitucionalcronologico202454587\/t-643-01\/\" class=\"_self pt-cv-href-thumbnail pt-cv-thumb-default\" target=\"_self\" ><\/a>\n<div class=\"pt-cv-taxoterm above_title\"><a href='https:\/\/www.dmsjuridica.com\/buscador_20179478954\/corteconstitucionalcronologico202454587\/category\/buscar-en-toda-la-corte\/2001\/tutelas-2001\/' title='Tutelas 2001' class='pt-cv-tax-tutelas-2001'>Tutelas 2001<\/a><\/div>\n<h4 class=\"pt-cv-title\"><a href=\"https:\/\/www.dmsjuridica.com\/buscador_20179478954\/corteconstitucionalcronologico202454587\/t-643-01\/\" class=\"_self\" target=\"_self\" >T-643-01<\/a><\/h4>\n<div class=\"pt-cv-content\">\u00a0 \u00a0 Sentencia T-643\/01 \u00a0 ACCION DE TUTELA-Naturaleza \u00a0 JUEZ CONSTITUCIONAL-Improcedencia para sustituir a las autoridades en las competencias asignadas por la Constituci\u00f3n Pol\u00edtica \u00a0 GOBIERNO-Formulaci\u00f3n anual del presupuesto y ley de apropiaciones\/JUEZ DE TUTELA-Imposibilidad de modificar presupuesto para incremento salarial de servidores p\u00fablicos \u00a0 ACCION DE TUTELA TRANSITORIA-Improcedencia incremento salarial para servidores p\u00fablicos \u00a0 Reiteraci\u00f3n de Jurisprudencia \u00a0 Referencia: expedientes Acumulados: \u00a0T-324935, \u00a0T-325123, T-326486 y T-326487 \u00a0 Acciones de tutela instauradas por Eugenia In\u00e9s \u00a0Garc\u00eda Arango, Carmen Simona Figueroa Ru\u00edz, Nidia Janneth Castillo Upeg\u00fci y Flor Alba Urue\u00f1a de Reyes \u00a0contra la Naci\u00f3n, Ministerio de Hacienda y Cr\u00e9dito P\u00fablico, ...<br \/><div class=\"pt-cv-rmwrap\"><a href=\"https:\/\/www.dmsjuridica.com\/buscador_20179478954\/corteconstitucionalcronologico202454587\/t-643-01\/\" class=\"_self pt-cv-readmore btn btn-success\" target=\"_self\">Ver Sentencia Completa...<\/a><\/div><\/div><\/div><\/div>\n<div class=\"col-md-12 col-sm-12 col-xs-12 pt-cv-content-item pt-cv-1-col\" ><div class='pt-cv-ifield'><a href=\"https:\/\/www.dmsjuridica.com\/buscador_20179478954\/corteconstitucionalcronologico202454587\/t-642-01\/\" class=\"_self pt-cv-href-thumbnail pt-cv-thumb-default\" target=\"_self\" ><\/a>\n<div class=\"pt-cv-taxoterm above_title\"><a href='https:\/\/www.dmsjuridica.com\/buscador_20179478954\/corteconstitucionalcronologico202454587\/category\/buscar-en-toda-la-corte\/2001\/tutelas-2001\/' title='Tutelas 2001' class='pt-cv-tax-tutelas-2001'>Tutelas 2001<\/a><\/div>\n<h4 class=\"pt-cv-title\"><a href=\"https:\/\/www.dmsjuridica.com\/buscador_20179478954\/corteconstitucionalcronologico202454587\/t-642-01\/\" class=\"_self\" target=\"_self\" >T-642-01<\/a><\/h4>\n<div class=\"pt-cv-content\">\u00a0 \u00a0 Sentencia T-642\/01 \u00a0 DERECHO A LA EDUCACION-Derecho fundamental y derecho deber \u00a0 El derecho a la educaci\u00f3n, si bien es considerado como derecho fundamental, comporta igualmente un conjunto de deberes para los participantes en el proceso educativo. Al respecto, el art\u00edculo 67 de la Constituci\u00f3n Pol\u00edtica prescribe que el Estado, la sociedad y la familia son responsables de la educaci\u00f3n, la cual ser\u00e1 obligatoria entre los cinco y los quince a\u00f1os de edad y comprender\u00e1 como m\u00ednimo un a\u00f1o de preescolar y nueve de educaci\u00f3n b\u00e1sica. A su vez, el art\u00edculo 95-1 de la Carta prescribe que son ...<br \/><div class=\"pt-cv-rmwrap\"><a href=\"https:\/\/www.dmsjuridica.com\/buscador_20179478954\/corteconstitucionalcronologico202454587\/t-642-01\/\" class=\"_self pt-cv-readmore btn btn-success\" target=\"_self\">Ver Sentencia Completa...<\/a><\/div><\/div><\/div><\/div>\n<div class=\"col-md-12 col-sm-12 col-xs-12 pt-cv-content-item pt-cv-1-col\" ><div class='pt-cv-ifield'><a href=\"https:\/\/www.dmsjuridica.com\/buscador_20179478954\/corteconstitucionalcronologico202454587\/t-641-01\/\" class=\"_self pt-cv-href-thumbnail pt-cv-thumb-default\" target=\"_self\" ><\/a>\n<div class=\"pt-cv-taxoterm above_title\"><a href='https:\/\/www.dmsjuridica.com\/buscador_20179478954\/corteconstitucionalcronologico202454587\/category\/buscar-en-toda-la-corte\/2001\/tutelas-2001\/' title='Tutelas 2001' class='pt-cv-tax-tutelas-2001'>Tutelas 2001<\/a><\/div>\n<h4 class=\"pt-cv-title\"><a href=\"https:\/\/www.dmsjuridica.com\/buscador_20179478954\/corteconstitucionalcronologico202454587\/t-641-01\/\" class=\"_self\" target=\"_self\" >T-641-01<\/a><\/h4>\n<div class=\"pt-cv-content\">\u00a0 \u00a0 Sentencia T-641\/01 \u00a0 DERECHO A LA PERSONALIDAD JURIDICA-Fundamental\/DERECHO A LA FILIACION DEL MENOR-Naturaleza\/PROCESO DE FILIACION-Prueba antropoheredobiol\u00f3gica \u00a0 Es claro que la filiaci\u00f3n es uno de los atributos de la personalidad jur\u00eddica, puesto que ella est\u00e1 indisolublemente ligada al estado civil de la persona. El derecho a la filiaci\u00f3n, como elemento integrante del estado civil de las personas, es un atributo de la personalidad, y por ende es un derecho constitucional inherente al derecho de todo ser humano al reconocimiento de su personalidad jur\u00eddica. En estas condiciones, la filiaci\u00f3n es un atributo esencial al derecho a la personalidad jur\u00eddica, ...<br \/><div class=\"pt-cv-rmwrap\"><a href=\"https:\/\/www.dmsjuridica.com\/buscador_20179478954\/corteconstitucionalcronologico202454587\/t-641-01\/\" class=\"_self pt-cv-readmore btn btn-success\" target=\"_self\">Ver Sentencia Completa...<\/a><\/div><\/div><\/div><\/div>\n<div class=\"col-md-12 col-sm-12 col-xs-12 pt-cv-content-item pt-cv-1-col\" ><div class='pt-cv-ifield'><a href=\"https:\/\/www.dmsjuridica.com\/buscador_20179478954\/corteconstitucionalcronologico202454587\/t-640-01\/\" class=\"_self pt-cv-href-thumbnail pt-cv-thumb-default\" target=\"_self\" ><\/a>\n<div class=\"pt-cv-taxoterm above_title\"><a href='https:\/\/www.dmsjuridica.com\/buscador_20179478954\/corteconstitucionalcronologico202454587\/category\/buscar-en-toda-la-corte\/2001\/tutelas-2001\/' title='Tutelas 2001' class='pt-cv-tax-tutelas-2001'>Tutelas 2001<\/a><\/div>\n<h4 class=\"pt-cv-title\"><a href=\"https:\/\/www.dmsjuridica.com\/buscador_20179478954\/corteconstitucionalcronologico202454587\/t-640-01\/\" class=\"_self\" target=\"_self\" >T-640-01<\/a><\/h4>\n<div class=\"pt-cv-content\">DERECHO AL MINIMO VITAL DEL PENSIONADO-Presunci\u00f3n de afectaci\u00f3n por no pago oportuno de mesadas \u00a0 DERECHO AL MINIMO VITAL DEL TRABAJADOR-Demostraci\u00f3n sumaria de afectaci\u00f3n y uso de facultad oficiosa por el juez \u00a0 Reiteraci\u00f3n de Jurisprudencia \u00a0 Referencia: expediente T-429114 \u00a0 Acci\u00f3n de tutela instaurada por Rodrigo Ra\u00fal Redondo Escobar en contra del Alcalde y tesorero municipales de Baranoa (Atl\u00e1ntico) \u00a0 Magistrado ponente:\u00a0 \u00a0 Dr. MANUEL JOS\u00c9 CEPEDA ESPINOSA \u00a0 Bogot\u00e1, D.C., junio quince (15) de dos mil uno (2001) \u00a0 La Sala Tercera de Revisi\u00f3n de la Corte Constitucional, integrada por los Magistrados Manuel Jos\u00e9 Cepeda Espinosa, Jaime C\u00f3rdoba ...<br \/><div class=\"pt-cv-rmwrap\"><a href=\"https:\/\/www.dmsjuridica.com\/buscador_20179478954\/corteconstitucionalcronologico202454587\/t-640-01\/\" class=\"_self pt-cv-readmore btn btn-success\" target=\"_self\">Ver Sentencia Completa...<\/a><\/div><\/div><\/div><\/div>\n<div class=\"col-md-12 col-sm-12 col-xs-12 pt-cv-content-item pt-cv-1-col\" ><div class='pt-cv-ifield'><a href=\"https:\/\/www.dmsjuridica.com\/buscador_20179478954\/corteconstitucionalcronologico202454587\/t-639-01\/\" class=\"_self pt-cv-href-thumbnail pt-cv-thumb-default\" target=\"_self\" ><\/a>\n<div class=\"pt-cv-taxoterm above_title\"><a href='https:\/\/www.dmsjuridica.com\/buscador_20179478954\/corteconstitucionalcronologico202454587\/category\/buscar-en-toda-la-corte\/2001\/tutelas-2001\/' title='Tutelas 2001' class='pt-cv-tax-tutelas-2001'>Tutelas 2001<\/a><\/div>\n<h4 class=\"pt-cv-title\"><a href=\"https:\/\/www.dmsjuridica.com\/buscador_20179478954\/corteconstitucionalcronologico202454587\/t-639-01\/\" class=\"_self\" target=\"_self\" >T-639-01<\/a><\/h4>\n<div class=\"pt-cv-content\">\u00a0 \u00a0 Sentencia T-639\/01 \u00a0 ACCION DE TUTELA-Procedencia excepcional pago de mesadas pensionales\/DERECHO AL MINIMO VITAL DEL PENSIONADO-Pago oportuno de mesadas \u00a0 DERECHO AL MINIMO VITAL-Prueba de la amenaza \u00a0 EMPLEADOR-Situaci\u00f3n econ\u00f3mica o presupuestal no es \u00f3bice para desconocer pago de mesadas pensionales \u00a0 Reiteraci\u00f3n de Jurisprudencia \u00a0 Referencia: expedientes T-426673, T-426675, T-426946, T-426951, T-426958, T-426959, T-426967, T-426973 (acumulados) \u00a0 Acci\u00f3n de tutela instaurada por MARIA ELENA BARACALDO CORTES y otros contra el Ministerio de Salud - Fondo del Pasivo Prestacional del Sector Salud - y la Fundaci\u00f3n San Juan de Dios de Bogot\u00e1 D.C. \u00a0 Magistrado ponente: \u00a0 Dr ...<br \/><div class=\"pt-cv-rmwrap\"><a href=\"https:\/\/www.dmsjuridica.com\/buscador_20179478954\/corteconstitucionalcronologico202454587\/t-639-01\/\" class=\"_self pt-cv-readmore btn btn-success\" target=\"_self\">Ver Sentencia Completa...<\/a><\/div><\/div><\/div><\/div>\n<div class=\"col-md-12 col-sm-12 col-xs-12 pt-cv-content-item pt-cv-1-col\" ><div class='pt-cv-ifield'><a href=\"https:\/\/www.dmsjuridica.com\/buscador_20179478954\/corteconstitucionalcronologico202454587\/t-638-01\/\" class=\"_self pt-cv-href-thumbnail pt-cv-thumb-default\" target=\"_self\" ><\/a>\n<div class=\"pt-cv-taxoterm above_title\"><a href='https:\/\/www.dmsjuridica.com\/buscador_20179478954\/corteconstitucionalcronologico202454587\/category\/buscar-en-toda-la-corte\/2001\/tutelas-2001\/' title='Tutelas 2001' class='pt-cv-tax-tutelas-2001'>Tutelas 2001<\/a><\/div>\n<h4 class=\"pt-cv-title\"><a href=\"https:\/\/www.dmsjuridica.com\/buscador_20179478954\/corteconstitucionalcronologico202454587\/t-638-01\/\" class=\"_self\" target=\"_self\" >T-638-01<\/a><\/h4>\n<div class=\"pt-cv-content\">\u00a0 \u00a0 Sentencia T-638\/01 \u00a0 ACCION DE TUTELA-Procedencia excepcional pago de acreencias laborales\/DERECHO AL MINIMO VITAL DEL TRABAJADOR-Pago oportuno de salarios \u00a0 Referencia: expediente T-425016 \u00a0 Acci\u00f3n de tutela instaurada por Martha Lucero Rinc\u00f3n Becerra contra el Municipio de Cimitarra, Santander. \u00a0 Magistrado ponente: \u00a0 Dr. MANUEL JOSE CEPEDA ESPINOSA \u00a0 Bogot\u00e1, D.C., junio quince (15) de dos mil uno (2001). \u00a0 La Sala Tercera de Revisi\u00f3n de la Corte Constitucional, integrada por los magistrados, Manuel Jos\u00e9 Cepeda Espinosa, Jaime C\u00f3rdoba Trivi\u00f1o y Rodrigo Escobar Gil, en ejercicio de sus competencias constitucionales y legales, ha proferido la siguiente\u00a0 \u00a0 SENTENCIA ...<br \/><div class=\"pt-cv-rmwrap\"><a href=\"https:\/\/www.dmsjuridica.com\/buscador_20179478954\/corteconstitucionalcronologico202454587\/t-638-01\/\" class=\"_self pt-cv-readmore btn btn-success\" target=\"_self\">Ver Sentencia Completa...<\/a><\/div><\/div><\/div><\/div>\n<div class=\"col-md-12 col-sm-12 col-xs-12 pt-cv-content-item pt-cv-1-col\" ><div class='pt-cv-ifield'><a href=\"https:\/\/www.dmsjuridica.com\/buscador_20179478954\/corteconstitucionalcronologico202454587\/t-637-01\/\" class=\"_self pt-cv-href-thumbnail pt-cv-thumb-default\" target=\"_self\" ><\/a>\n<div class=\"pt-cv-taxoterm above_title\"><a href='https:\/\/www.dmsjuridica.com\/buscador_20179478954\/corteconstitucionalcronologico202454587\/category\/buscar-en-toda-la-corte\/2001\/tutelas-2001\/' title='Tutelas 2001' class='pt-cv-tax-tutelas-2001'>Tutelas 2001<\/a><\/div>\n<h4 class=\"pt-cv-title\"><a href=\"https:\/\/www.dmsjuridica.com\/buscador_20179478954\/corteconstitucionalcronologico202454587\/t-637-01\/\" class=\"_self\" target=\"_self\" >T-637-01<\/a><\/h4>\n<div class=\"pt-cv-content\">\u00a0 \u00a0 Sentencia T-637\/01 \u00a0 DEMOCRACIA REPRESENTATIVA Y DEMOCRACIA PARTICIPATIVA \u00a0 Con la Constituci\u00f3n de 1991 se inici\u00f3 constitucionalmente el tr\u00e1nsito de la democracia representativa a la participativa. Esta nueva concepci\u00f3n de nuestra democracia implica un cambio trascendental del sistema pol\u00edtico, cuya primera y m\u00e1s clara manifestaci\u00f3n se encuentra en la manera como se comprende al ciudadano como tal. El concepto de democracia participativa es m\u00e1s moderno y amplio que el de la democracia representativa. Abarca el traslado de los principios democr\u00e1ticos a esferas diferentes de la electoral, lo cual est\u00e1 expresamente plasmado en el art\u00edculo 2\u00b0 de la Carta ...<br \/><div class=\"pt-cv-rmwrap\"><a href=\"https:\/\/www.dmsjuridica.com\/buscador_20179478954\/corteconstitucionalcronologico202454587\/t-637-01\/\" class=\"_self pt-cv-readmore btn btn-success\" target=\"_self\">Ver Sentencia Completa...<\/a><\/div><\/div><\/div><\/div>\n<div class=\"col-md-12 col-sm-12 col-xs-12 pt-cv-content-item pt-cv-1-col\" ><div class='pt-cv-ifield'><a href=\"https:\/\/www.dmsjuridica.com\/buscador_20179478954\/corteconstitucionalcronologico202454587\/t-636-01\/\" class=\"_self pt-cv-href-thumbnail pt-cv-thumb-default\" target=\"_self\" ><\/a>\n<div class=\"pt-cv-taxoterm above_title\"><a href='https:\/\/www.dmsjuridica.com\/buscador_20179478954\/corteconstitucionalcronologico202454587\/category\/buscar-en-toda-la-corte\/2001\/tutelas-2001\/' title='Tutelas 2001' class='pt-cv-tax-tutelas-2001'>Tutelas 2001<\/a><\/div>\n<h4 class=\"pt-cv-title\"><a href=\"https:\/\/www.dmsjuridica.com\/buscador_20179478954\/corteconstitucionalcronologico202454587\/t-636-01\/\" class=\"_self\" target=\"_self\" >T-636-01<\/a><\/h4>\n<div class=\"pt-cv-content\">\u00a0 \u00a0 Sentencia T-636\/01 \u00a0 DERECHOS FUNDAMENTALES-Vulneraci\u00f3n por debate interpretativo \u00a0 La vulneraci\u00f3n del derecho a la salud por conexidad con el derecho fundamental a la vida acaece, por ejemplo, cuando se niega el suministro de un tratamiento m\u00e9dico o un medicamento por parte del estado o la entidad particular, con el argumento de que otro es el obligado, y la negativa trae como consecuencia la muerte o el peligro de muerte para el paciente. En esta hip\u00f3tesis resulta a todas luces absurdo y contrario al sentido del derecho que la demora de una controversia administrativa sobre el titular y ...<br \/><div class=\"pt-cv-rmwrap\"><a href=\"https:\/\/www.dmsjuridica.com\/buscador_20179478954\/corteconstitucionalcronologico202454587\/t-636-01\/\" class=\"_self pt-cv-readmore btn btn-success\" target=\"_self\">Ver Sentencia Completa...<\/a><\/div><\/div><\/div><\/div>\n<div class=\"col-md-12 col-sm-12 col-xs-12 pt-cv-content-item pt-cv-1-col\" ><div class='pt-cv-ifield'><a href=\"https:\/\/www.dmsjuridica.com\/buscador_20179478954\/corteconstitucionalcronologico202454587\/t-635-01\/\" class=\"_self pt-cv-href-thumbnail pt-cv-thumb-default\" target=\"_self\" ><\/a>\n<div class=\"pt-cv-taxoterm above_title\"><a href='https:\/\/www.dmsjuridica.com\/buscador_20179478954\/corteconstitucionalcronologico202454587\/category\/buscar-en-toda-la-corte\/2001\/tutelas-2001\/' title='Tutelas 2001' class='pt-cv-tax-tutelas-2001'>Tutelas 2001<\/a><\/div>\n<h4 class=\"pt-cv-title\"><a href=\"https:\/\/www.dmsjuridica.com\/buscador_20179478954\/corteconstitucionalcronologico202454587\/t-635-01\/\" class=\"_self\" target=\"_self\" >T-635-01<\/a><\/h4>\n<div class=\"pt-cv-content\">\u00a0 \u00a0 Sentencia T-635\/01 \u00a0 ACCION DE TUTELA TEMERARIA-No existe cuando se presentan nuevos hechos \u00a0 DERECHO A LA SALUD-Transplante de ri\u00f1\u00f3n \u00a0 DERECHO A LA SALUD-Tr\u00e1mite administrativo que demora la prestaci\u00f3n del servicio por parte de la E.P.S. \u00a0 Cuando una E.P.S., en raz\u00f3n a tr\u00e1mites burocr\u00e1ti\u00adcos y administrativos tales como el vencimiento de un contrato con una I.P.S., demora la prestaci\u00f3n del servicio de salud requerido por una persona que padece una enfermedad catastr\u00f3fica, vulnera el derecho a la vida de \u00e9sta. Solamente razones estric\u00adtamente m\u00e9dicas justifican que se retrase la prestaci\u00f3n del servicio de salud a personas ...<br \/><div class=\"pt-cv-rmwrap\"><a href=\"https:\/\/www.dmsjuridica.com\/buscador_20179478954\/corteconstitucionalcronologico202454587\/t-635-01\/\" class=\"_self pt-cv-readmore btn btn-success\" target=\"_self\">Ver Sentencia Completa...<\/a><\/div><\/div><\/div><\/div>\n<div class=\"col-md-12 col-sm-12 col-xs-12 pt-cv-content-item pt-cv-1-col\" ><div class='pt-cv-ifield'><a href=\"https:\/\/www.dmsjuridica.com\/buscador_20179478954\/corteconstitucionalcronologico202454587\/t-634-01\/\" class=\"_self pt-cv-href-thumbnail pt-cv-thumb-default\" target=\"_self\" ><\/a>\n<div class=\"pt-cv-taxoterm above_title\"><a href='https:\/\/www.dmsjuridica.com\/buscador_20179478954\/corteconstitucionalcronologico202454587\/category\/buscar-en-toda-la-corte\/2001\/tutelas-2001\/' title='Tutelas 2001' class='pt-cv-tax-tutelas-2001'>Tutelas 2001<\/a><\/div>\n<h4 class=\"pt-cv-title\"><a href=\"https:\/\/www.dmsjuridica.com\/buscador_20179478954\/corteconstitucionalcronologico202454587\/t-634-01\/\" class=\"_self\" target=\"_self\" >T-634-01<\/a><\/h4>\n<div class=\"pt-cv-content\">\u00a0 \u00a0 Sentencia T-634\/01 \u00a0 ACCION DE TUTELA CONTRA MEDIOS DE COMUNICACION-Solicitud previa de rectificaci\u00f3n \u00a0 Se considera como presupuesto de procedibilidad de la acci\u00f3n de tutela, que el demandante o presunto afectado, haya solicitado al medio informativo la correspondiente rectificaci\u00f3n de la informaci\u00f3n. Esto, en raz\u00f3n a la presunci\u00f3n de buena fe con que se supone ha efectuado el medio, lo que implica que se le ha de brindar la oportunidad de proceder directamente a corregir la informaci\u00f3n divulgada. El actor solicit\u00f3 la rectificaci\u00f3n de la informaci\u00f3n publicada por la demandada la cual fue negada por la Revista Cambio ...<br \/><div class=\"pt-cv-rmwrap\"><a href=\"https:\/\/www.dmsjuridica.com\/buscador_20179478954\/corteconstitucionalcronologico202454587\/t-634-01\/\" class=\"_self pt-cv-readmore btn btn-success\" target=\"_self\">Ver Sentencia Completa...<\/a><\/div><\/div><\/div><\/div>\n<div class=\"col-md-12 col-sm-12 col-xs-12 pt-cv-content-item pt-cv-1-col\" ><div class='pt-cv-ifield'><a href=\"https:\/\/www.dmsjuridica.com\/buscador_20179478954\/corteconstitucionalcronologico202454587\/t-633-01\/\" class=\"_self pt-cv-href-thumbnail pt-cv-thumb-default\" target=\"_self\" ><\/a>\n<div class=\"pt-cv-taxoterm above_title\"><a href='https:\/\/www.dmsjuridica.com\/buscador_20179478954\/corteconstitucionalcronologico202454587\/category\/buscar-en-toda-la-corte\/2001\/tutelas-2001\/' title='Tutelas 2001' class='pt-cv-tax-tutelas-2001'>Tutelas 2001<\/a><\/div>\n<h4 class=\"pt-cv-title\"><a href=\"https:\/\/www.dmsjuridica.com\/buscador_20179478954\/corteconstitucionalcronologico202454587\/t-633-01\/\" class=\"_self\" target=\"_self\" >T-633-01<\/a><\/h4>\n<div class=\"pt-cv-content\">\u00a0 \u00a0 Sentencia T-633\/01 \u00a0 DERECHO A LA VIDA DIGNA-Pago oportuno de aportes a salud por Compa\u00f1\u00eda de Inversiones de Flota Mercante en liquidaci\u00f3n obligatoria\/PRINCIPIO DE CONTINUIDAD EN EL SERVICIO DE SALUD-Mora en el pago de aportes por Compa\u00f1\u00eda de Inversiones Flota Mercante en liquidaci\u00f3n obligatoria\/PRINCIPIO DE GARANTIA A LA SEGURIDAD SOCIAL-Mora en pago de aportes por Compa\u00f1\u00eda de Inversiones Flota Mercante en liquidaci\u00f3n obligatoria \u00a0 Es de p\u00fablico conocimiento la grave situaci\u00f3n econ\u00f3mica por la cual est\u00e1 atravesando la Compa\u00f1\u00eda de Inversiones Flota Mercante S.A; en Liquidaci\u00f3n Obligatoria, entidad de la cual los actores son pensionados, y quien esta ...<br \/><div class=\"pt-cv-rmwrap\"><a href=\"https:\/\/www.dmsjuridica.com\/buscador_20179478954\/corteconstitucionalcronologico202454587\/t-633-01\/\" class=\"_self pt-cv-readmore btn btn-success\" target=\"_self\">Ver Sentencia Completa...<\/a><\/div><\/div><\/div><\/div>\n<div class=\"col-md-12 col-sm-12 col-xs-12 pt-cv-content-item pt-cv-1-col\" ><div class='pt-cv-ifield'><a href=\"https:\/\/www.dmsjuridica.com\/buscador_20179478954\/corteconstitucionalcronologico202454587\/t-632-01\/\" class=\"_self pt-cv-href-thumbnail pt-cv-thumb-default\" target=\"_self\" ><\/a>\n<div class=\"pt-cv-taxoterm above_title\"><a href='https:\/\/www.dmsjuridica.com\/buscador_20179478954\/corteconstitucionalcronologico202454587\/category\/buscar-en-toda-la-corte\/2001\/tutelas-2001\/' title='Tutelas 2001' class='pt-cv-tax-tutelas-2001'>Tutelas 2001<\/a><\/div>\n<h4 class=\"pt-cv-title\"><a href=\"https:\/\/www.dmsjuridica.com\/buscador_20179478954\/corteconstitucionalcronologico202454587\/t-632-01\/\" class=\"_self\" target=\"_self\" >T-632-01<\/a><\/h4>\n<div class=\"pt-cv-content\">\u00a0 \u00a0 Sentencia T-632\/01 \u00a0 DERECHO DE PETICION- Resoluci\u00f3n de fondo\/JUEZ DE TUTELA-Incompetencia para reconocimiento de pensi\u00f3n\/DERECHO DE PETICION-Resoluci\u00f3n sobre reconocimiento de pensi\u00f3n jubilaci\u00f3n \u00a0 DERECHO DE PETICION-T\u00e9rmino para resolver\/DERECHO DE PETICION ANTE EL SEGURO SOCIAL-Aplicaci\u00f3n anal\u00f3gica de t\u00e9rmino de cuatro meses para resolver reconocimiento de pensiones legales. \u00a0 Referencia: expediente T- 426167\u00a0 \u00a0 Acci\u00f3n de tutela incoada por Francisco Javier Morales contra el Instituto de Seguros Sociales. \u00a0 \u00a0 Magistrado Ponente: \u00a0 Dr. JAIME ARAUJO RENTER\u00cdA \u00a0 Bogot\u00e1, D.C., catorce (14) de junio de dos mil uno (2001). \u00a0 La Sala Primera de Revisi\u00f3n de la Corte Constitucional, en ...<br \/><div class=\"pt-cv-rmwrap\"><a href=\"https:\/\/www.dmsjuridica.com\/buscador_20179478954\/corteconstitucionalcronologico202454587\/t-632-01\/\" class=\"_self pt-cv-readmore btn btn-success\" target=\"_self\">Ver Sentencia Completa...<\/a><\/div><\/div><\/div><\/div>\n<div class=\"col-md-12 col-sm-12 col-xs-12 pt-cv-content-item pt-cv-1-col\" ><div class='pt-cv-ifield'><a href=\"https:\/\/www.dmsjuridica.com\/buscador_20179478954\/corteconstitucionalcronologico202454587\/t-631-01\/\" class=\"_self pt-cv-href-thumbnail pt-cv-thumb-default\" target=\"_self\" ><\/a>\n<div class=\"pt-cv-taxoterm above_title\"><a href='https:\/\/www.dmsjuridica.com\/buscador_20179478954\/corteconstitucionalcronologico202454587\/category\/buscar-en-toda-la-corte\/2001\/tutelas-2001\/' title='Tutelas 2001' class='pt-cv-tax-tutelas-2001'>Tutelas 2001<\/a><\/div>\n<h4 class=\"pt-cv-title\"><a href=\"https:\/\/www.dmsjuridica.com\/buscador_20179478954\/corteconstitucionalcronologico202454587\/t-631-01\/\" class=\"_self\" target=\"_self\" >T-631-01<\/a><\/h4>\n<div class=\"pt-cv-content\">\u00a0 \u00a0 Sentencia T-631\/01 \u00a0 DOCTRINA CONSTITUCIONAL SOBRE CESANTIAS PARCIALES \u00a0 DERECHO DE PETICION EN CESANTIAS PARCIALES-Pronta resoluci\u00f3n y decisi\u00f3n de fondo\/DERECHO DE PETICION EN CESANTIAS PARCIALES-Reconocimiento no sujeto a disponibilidad presupuestal \u00a0 DERECHO DE IMPARCIALIDAD-Tratamiento igual a las personas\/DERECHO DE PETICION -Respeto del turno \u00a0 Reiteraci\u00f3n de Jurisprudencia \u00a0 Referencia: expediente T-432364 \u00a0 Acci\u00f3n de tutela instaurada por Isidro Manuel Martes de la Hoz, contra el Fondo Nacional de Prestaciones Sociales del Magisterio, Coordinaci\u00f3n de Prestaciones Econ\u00f3micas del Ministerio de Educaci\u00f3n y la Fiduciaria La Previsora S.A. \u00a0 Magistrado Ponente: \u00a0 Dr. JAIME ARAUJO RENTERIA \u00a0 Bogot\u00e1 D. C., ...<br \/><div class=\"pt-cv-rmwrap\"><a href=\"https:\/\/www.dmsjuridica.com\/buscador_20179478954\/corteconstitucionalcronologico202454587\/t-631-01\/\" class=\"_self pt-cv-readmore btn btn-success\" target=\"_self\">Ver Sentencia Completa...<\/a><\/div><\/div><\/div><\/div>\n<div class=\"col-md-12 col-sm-12 col-xs-12 pt-cv-content-item pt-cv-1-col\" ><div class='pt-cv-ifield'><a href=\"https:\/\/www.dmsjuridica.com\/buscador_20179478954\/corteconstitucionalcronologico202454587\/t-630-01\/\" class=\"_self pt-cv-href-thumbnail pt-cv-thumb-default\" target=\"_self\" ><\/a>\n<div class=\"pt-cv-taxoterm above_title\"><a href='https:\/\/www.dmsjuridica.com\/buscador_20179478954\/corteconstitucionalcronologico202454587\/category\/buscar-en-toda-la-corte\/2001\/tutelas-2001\/' title='Tutelas 2001' class='pt-cv-tax-tutelas-2001'>Tutelas 2001<\/a><\/div>\n<h4 class=\"pt-cv-title\"><a href=\"https:\/\/www.dmsjuridica.com\/buscador_20179478954\/corteconstitucionalcronologico202454587\/t-630-01\/\" class=\"_self\" target=\"_self\" >T-630-01<\/a><\/h4>\n<div class=\"pt-cv-content\">\u00a0 \u00a0 Sentencia T-630\/01 \u00a0 DERECHO AL MINIMO VITAL DEL TRABAJADOR-Presunci\u00f3n de afectaci\u00f3n por ausencia prolongada en pago de salarios \u00a0 DERECHO AL MINIMO VITAL DEL TRABAJADOR-Pago oportuno de salarios \u00a0 \u00a0 \u00a0 \u00a0 \u00a0 \u00a0 \u00a0 \u00a0 \u00a0Referencia: expediente T- 425806\u00a0 \u00a0 Acci\u00f3n de tutela incoada por Am\u00e9rica Ortega Cantillo contra la Empresa de Servicios P\u00fablicos del municipio de Ci\u00e9naga. \u00a0 \u00a0 Magistrado Ponente: \u00a0 Bogot\u00e1, D.C., a los catorce \u00a0(14) d\u00edas del mes de junio de dos mil uno (2001). \u00a0 La Sala Primera de Revisi\u00f3n de la Corte Constitucional, en ejercicio de sus atribuciones constitucionales y legales, ...<br \/><div class=\"pt-cv-rmwrap\"><a href=\"https:\/\/www.dmsjuridica.com\/buscador_20179478954\/corteconstitucionalcronologico202454587\/t-630-01\/\" class=\"_self pt-cv-readmore btn btn-success\" target=\"_self\">Ver Sentencia Completa...<\/a><\/div><\/div><\/div><\/div>\n<div class=\"col-md-12 col-sm-12 col-xs-12 pt-cv-content-item pt-cv-1-col\" ><div class='pt-cv-ifield'><a href=\"https:\/\/www.dmsjuridica.com\/buscador_20179478954\/corteconstitucionalcronologico202454587\/t-629-01\/\" class=\"_self pt-cv-href-thumbnail pt-cv-thumb-default\" target=\"_self\" ><\/a>\n<div class=\"pt-cv-taxoterm above_title\"><a href='https:\/\/www.dmsjuridica.com\/buscador_20179478954\/corteconstitucionalcronologico202454587\/category\/buscar-en-toda-la-corte\/2001\/tutelas-2001\/' title='Tutelas 2001' class='pt-cv-tax-tutelas-2001'>Tutelas 2001<\/a><\/div>\n<h4 class=\"pt-cv-title\"><a href=\"https:\/\/www.dmsjuridica.com\/buscador_20179478954\/corteconstitucionalcronologico202454587\/t-629-01\/\" class=\"_self\" target=\"_self\" >T-629-01<\/a><\/h4>\n<div class=\"pt-cv-content\">\u00a0 \u00a0 Sentencia T-629\/01 \u00a0 ACCION DE TUTELA-Procedencia excepcional pago de salarios \u00a0 DERECHO AL PAGO OPORTUNO DEL SALARIO-Fundamental \u00a0 DERECHO AL MINIMO VITAL DEL TRABAJADOR-Pago oportuno de salarios \u00a0 DERECHO AL MINIMO VITAL-Alcance \u00a0 Referencia: expediente: T-424536\u00a0 \u00a0 Acci\u00f3n de tutela incoada por Jos\u00e9 Norbey Franco Salazar contra la Asociaci\u00f3n de Municipios del Nordeste Antioque\u00f1o -ASONORDESTE-. \u00a0 Magistrado Ponente: \u00a0 Dr. EDUARDO MONTEALEGRE LYNETT. \u00a0 Bogot\u00e1 D.C., catorce (14) de junio de dos mil uno (2001). \u00a0 La Sala S\u00e9ptima de Revisi\u00f3n de la Corte Constitucional, integrada por los Magistrados Alvaro Tafur Galvis, Clara In\u00e9s Vargas Hern\u00e1ndez y Eduardo ...<br \/><div class=\"pt-cv-rmwrap\"><a href=\"https:\/\/www.dmsjuridica.com\/buscador_20179478954\/corteconstitucionalcronologico202454587\/t-629-01\/\" class=\"_self pt-cv-readmore btn btn-success\" target=\"_self\">Ver Sentencia Completa...<\/a><\/div><\/div><\/div><\/div>\n<div class=\"col-md-12 col-sm-12 col-xs-12 pt-cv-content-item pt-cv-1-col\" ><div class='pt-cv-ifield'><a href=\"https:\/\/www.dmsjuridica.com\/buscador_20179478954\/corteconstitucionalcronologico202454587\/t-628-01\/\" class=\"_self pt-cv-href-thumbnail pt-cv-thumb-default\" target=\"_self\" ><\/a>\n<div class=\"pt-cv-taxoterm above_title\"><a href='https:\/\/www.dmsjuridica.com\/buscador_20179478954\/corteconstitucionalcronologico202454587\/category\/buscar-en-toda-la-corte\/2001\/tutelas-2001\/' title='Tutelas 2001' class='pt-cv-tax-tutelas-2001'>Tutelas 2001<\/a><\/div>\n<h4 class=\"pt-cv-title\"><a href=\"https:\/\/www.dmsjuridica.com\/buscador_20179478954\/corteconstitucionalcronologico202454587\/t-628-01\/\" class=\"_self\" target=\"_self\" >T-628-01<\/a><\/h4>\n<div class=\"pt-cv-content\">\u00a0 \u00a0 Sentencia T-628\/01 \u00a0 DERECHO DE PETICION-Pronta resoluci\u00f3n\/DERECHO DE PETICION-Respuesta de fondo, clara y precisa \u00a0 MEDIO DE DEFENSA JUDICIAL-Emisi\u00f3n de informaci\u00f3n solicitada a historia laboral \u00a0 Referencia: \u00a0expediente T-455.288 \u00a0 Acci\u00f3n de tutela de Cesar Julio Paguana Escobar contra Cementos del Caribe S.A. \u00a0 Procedencia: Juzgado Sexto Penal Municipal de Barranquilla. \u00a0 Magistrado Ponente:\u00a0 \u00a0 Dr. ALFREDO BELTR\u00c1N SIERRA. \u00a0 Sentencia aprobada en Bogot\u00e1, D.C., en sesi\u00f3n del catorce (14) de junio de dos mil uno (2001). \u00a0 La Sala Segunda (2a.) de Revisi\u00f3n de la Corte Constitucional, integrada por los magistrados Alfredo Beltr\u00e1n Sierra, Manuel Jos\u00e9 Cepeda ...<br \/><div class=\"pt-cv-rmwrap\"><a href=\"https:\/\/www.dmsjuridica.com\/buscador_20179478954\/corteconstitucionalcronologico202454587\/t-628-01\/\" class=\"_self pt-cv-readmore btn btn-success\" target=\"_self\">Ver Sentencia Completa...<\/a><\/div><\/div><\/div><\/div>\n<div class=\"col-md-12 col-sm-12 col-xs-12 pt-cv-content-item pt-cv-1-col\" ><div class='pt-cv-ifield'><a href=\"https:\/\/www.dmsjuridica.com\/buscador_20179478954\/corteconstitucionalcronologico202454587\/t-627-01\/\" class=\"_self pt-cv-href-thumbnail pt-cv-thumb-default\" target=\"_self\" ><\/a>\n<div class=\"pt-cv-taxoterm above_title\"><a href='https:\/\/www.dmsjuridica.com\/buscador_20179478954\/corteconstitucionalcronologico202454587\/category\/buscar-en-toda-la-corte\/2001\/tutelas-2001\/' title='Tutelas 2001' class='pt-cv-tax-tutelas-2001'>Tutelas 2001<\/a><\/div>\n<h4 class=\"pt-cv-title\"><a href=\"https:\/\/www.dmsjuridica.com\/buscador_20179478954\/corteconstitucionalcronologico202454587\/t-627-01\/\" class=\"_self\" target=\"_self\" >T-627-01<\/a><\/h4>\n<div class=\"pt-cv-content\">\u00a0 \u00a0 Sentencia T-627\/01 \u00a0 ACCION DE TUTELA-Improcedencia por inexistencia de amenaza o vulneraci\u00f3n de derechos\/CAMBIO DE EPS-Deber de informar a la empresa que hace los aportes \u00a0 El amparo demandado por el pensionado no es procedente, porque las pruebas aportadas al expediente demuestran que la entidad contra la cual dirigi\u00f3 la acci\u00f3n no incurri\u00f3 en acci\u00f3n u omisi\u00f3n censurable que arrojara como resultado la violaci\u00f3n de derecho fundamental alguno. Por el contrario, una vez advirti\u00f3 la situaci\u00f3n que se hab\u00eda consolidado dispuso las gestiones necesarias para solucionar el conflicto. El actor, conforme a las pruebas, omiti\u00f3 cumplir con una ...<br \/><div class=\"pt-cv-rmwrap\"><a href=\"https:\/\/www.dmsjuridica.com\/buscador_20179478954\/corteconstitucionalcronologico202454587\/t-627-01\/\" class=\"_self pt-cv-readmore btn btn-success\" target=\"_self\">Ver Sentencia Completa...<\/a><\/div><\/div><\/div><\/div>\n<div class=\"col-md-12 col-sm-12 col-xs-12 pt-cv-content-item pt-cv-1-col\" ><div class='pt-cv-ifield'><a href=\"https:\/\/www.dmsjuridica.com\/buscador_20179478954\/corteconstitucionalcronologico202454587\/t-626-01\/\" class=\"_self pt-cv-href-thumbnail pt-cv-thumb-default\" target=\"_self\" ><\/a>\n<div class=\"pt-cv-taxoterm above_title\"><a href='https:\/\/www.dmsjuridica.com\/buscador_20179478954\/corteconstitucionalcronologico202454587\/category\/buscar-en-toda-la-corte\/2001\/tutelas-2001\/' title='Tutelas 2001' class='pt-cv-tax-tutelas-2001'>Tutelas 2001<\/a><\/div>\n<h4 class=\"pt-cv-title\"><a href=\"https:\/\/www.dmsjuridica.com\/buscador_20179478954\/corteconstitucionalcronologico202454587\/t-626-01\/\" class=\"_self\" target=\"_self\" >T-626-01<\/a><\/h4>\n<div class=\"pt-cv-content\">\u00a0 \u00a0 Sentencia T-626\/01 \u00a0 DERECHO AL TRABAJO EN CONDICIONES DIGNAS Y JUSTAS-Pago oportuno de salarios \u00a0 DERECHO AL MINIMO VITAL-Cese prolongado de salarios hace presumir vulneraci\u00f3n \u00a0 EMPLEADOR-Situaci\u00f3n econ\u00f3mica o presupuestal no es obice para desconocer pago de salarios \u00a0 DERECHO AL MINIMO VITAL DEL PENSIONADO-Pago oportuno de mesadas \u00a0 \u00a0 \u00a0 Referencia: expediente T-424550. Acci\u00f3n de tutela promovida por Luis Eduardo Hern\u00e1ndez Bernate contra el municipio de Santiago de Cali, Valle.\u00a0 \u00a0 Magistrada Ponente: \u00a0 Dra. CLARA INES VARGAS HERNANDEZ \u00a0 Bogot\u00e1, \u00a0D. C., catorce (14) de junio de dos mil uno (2001). \u00a0 La Sala Novena de ...<br \/><div class=\"pt-cv-rmwrap\"><a href=\"https:\/\/www.dmsjuridica.com\/buscador_20179478954\/corteconstitucionalcronologico202454587\/t-626-01\/\" class=\"_self pt-cv-readmore btn btn-success\" target=\"_self\">Ver Sentencia Completa...<\/a><\/div><\/div><\/div><\/div>\n<div class=\"col-md-12 col-sm-12 col-xs-12 pt-cv-content-item pt-cv-1-col\" ><div class='pt-cv-ifield'><a href=\"https:\/\/www.dmsjuridica.com\/buscador_20179478954\/corteconstitucionalcronologico202454587\/t-625-01\/\" class=\"_self pt-cv-href-thumbnail pt-cv-thumb-default\" target=\"_self\" ><\/a>\n<div class=\"pt-cv-taxoterm above_title\"><a href='https:\/\/www.dmsjuridica.com\/buscador_20179478954\/corteconstitucionalcronologico202454587\/category\/buscar-en-toda-la-corte\/2001\/tutelas-2001\/' title='Tutelas 2001' class='pt-cv-tax-tutelas-2001'>Tutelas 2001<\/a><\/div>\n<h4 class=\"pt-cv-title\"><a href=\"https:\/\/www.dmsjuridica.com\/buscador_20179478954\/corteconstitucionalcronologico202454587\/t-625-01\/\" class=\"_self\" target=\"_self\" >T-625-01<\/a><\/h4>\n<div class=\"pt-cv-content\">\u00a0 \u00a0 Sentencia T-625\/01 \u00a0 ACCION DE TUTELA-Improcedencia general sobre controversias contractuales \u00a0 DERECHO DE PETICION-N\u00facleo esencial \u00a0 DERECHO DE PETICION-Pronta resoluci\u00f3n equivale a quince d\u00edas mientras legislador fija t\u00e9rmino distinto \u00a0 DERECHO DE PETICION FRENTE AL SILENCIO ADMINISTRATIVO NEGATIVO-Deber de resolver la solicitud \u00a0 Referencia: expediente T-424100. Acci\u00f3n de tutela interpuesta por Jaime Ossa Artunduaga contra la Alcald\u00eda Municipal de Leticia (Amazonas).\u00a0 \u00a0 Magistrada Ponente: \u00a0 Dra. CLARA INES VARGAS HERNANDEZ \u00a0 Bogot\u00e1, \u00a0D. C., catorce (14) de junio de dos mil uno (2001). \u00a0 La Sala Novena de Revisi\u00f3n de Tutelas de la Corte Constitucional, conformada por los ...<br \/><div class=\"pt-cv-rmwrap\"><a href=\"https:\/\/www.dmsjuridica.com\/buscador_20179478954\/corteconstitucionalcronologico202454587\/t-625-01\/\" class=\"_self pt-cv-readmore btn btn-success\" target=\"_self\">Ver Sentencia Completa...<\/a><\/div><\/div><\/div><\/div>\n<div class=\"col-md-12 col-sm-12 col-xs-12 pt-cv-content-item pt-cv-1-col\" ><div class='pt-cv-ifield'><a href=\"https:\/\/www.dmsjuridica.com\/buscador_20179478954\/corteconstitucionalcronologico202454587\/t-624-01\/\" class=\"_self pt-cv-href-thumbnail pt-cv-thumb-default\" target=\"_self\" ><\/a>\n<div class=\"pt-cv-taxoterm above_title\"><a href='https:\/\/www.dmsjuridica.com\/buscador_20179478954\/corteconstitucionalcronologico202454587\/category\/buscar-en-toda-la-corte\/2001\/tutelas-2001\/' title='Tutelas 2001' class='pt-cv-tax-tutelas-2001'>Tutelas 2001<\/a><\/div>\n<h4 class=\"pt-cv-title\"><a href=\"https:\/\/www.dmsjuridica.com\/buscador_20179478954\/corteconstitucionalcronologico202454587\/t-624-01\/\" class=\"_self\" target=\"_self\" >T-624-01<\/a><\/h4>\n<div class=\"pt-cv-content\">\u00a0 \u00a0 Sentencia T-624\/01 \u00a0 LICENCIA DE MATERNIDAD-Aplicaci\u00f3n de norma vigente al momento de afiliaci\u00f3n a EPS \u00a0 Referencia: expediente T-422896. Acci\u00f3n de tutela interpuesta por Yazmin Duarte Galv\u00e1n contra \u00a0Cafesalud \u00a0E. P. S. \u00a0 Magistrada Ponente: \u00a0 Dra. CLARA INES VARGAS HERNANDEZ. \u00a0 Bogot\u00e1, D. C., catorce (14) de junio de dos mil uno (2001). \u00a0 La Sala Novena de Revisi\u00f3n de la Corte Constitucional, en ejercicio de sus competencias constitucionales y legales, concretamente las previstas en los art\u00edculos 86 y 241, numeral 9, de la Constituci\u00f3n Pol\u00edtica y en el decreto 2591 de 1991, dicta la siguiente \u00a0 ...<br \/><div class=\"pt-cv-rmwrap\"><a href=\"https:\/\/www.dmsjuridica.com\/buscador_20179478954\/corteconstitucionalcronologico202454587\/t-624-01\/\" class=\"_self pt-cv-readmore btn btn-success\" target=\"_self\">Ver Sentencia Completa...<\/a><\/div><\/div><\/div><\/div>\n<div class=\"col-md-12 col-sm-12 col-xs-12 pt-cv-content-item pt-cv-1-col\" ><div class='pt-cv-ifield'><a href=\"https:\/\/www.dmsjuridica.com\/buscador_20179478954\/corteconstitucionalcronologico202454587\/t-615-01\/\" class=\"_self pt-cv-href-thumbnail pt-cv-thumb-default\" target=\"_self\" ><\/a>\n<div class=\"pt-cv-taxoterm above_title\"><a href='https:\/\/www.dmsjuridica.com\/buscador_20179478954\/corteconstitucionalcronologico202454587\/category\/buscar-en-toda-la-corte\/2001\/tutelas-2001\/' title='Tutelas 2001' class='pt-cv-tax-tutelas-2001'>Tutelas 2001<\/a><\/div>\n<h4 class=\"pt-cv-title\"><a href=\"https:\/\/www.dmsjuridica.com\/buscador_20179478954\/corteconstitucionalcronologico202454587\/t-615-01\/\" class=\"_self\" target=\"_self\" >T-615-01<\/a><\/h4>\n<div class=\"pt-cv-content\">\u00a0 \u00a0 Sentencia T-615\/01 \u00a0 ACCION DE TUTELA-Improcedencia para reintegro al cargo\/ENTIDAD DEL ORDEN DISTRITAL-Reestructuraci\u00f3n \u00a0 ACCION DE TUTELA-T\u00e9rmino de presentaci\u00f3n \u00a0 La acci\u00f3n de tutela debe imponerse en un plazo razonable con la finalidad que pueda constituirse en una medida proporcional y adecuada para la protecci\u00f3n de los derechos fundamentales presuntamente conculcados, y por exigencia de la seguridad \u00a0jur\u00eddica para que los derechos de los terceros no sufran menoscabo, debido a la inestabilidad que produce el ejercicio inoportuno de la citada acci\u00f3n. el departamento administrativo de acci\u00f3n comunal del distrito, en la actualidad tiene una misi\u00f3n y organizaci\u00f3n diferente ...<br \/><div class=\"pt-cv-rmwrap\"><a href=\"https:\/\/www.dmsjuridica.com\/buscador_20179478954\/corteconstitucionalcronologico202454587\/t-615-01\/\" class=\"_self pt-cv-readmore btn btn-success\" target=\"_self\">Ver Sentencia Completa...<\/a><\/div><\/div><\/div><\/div>\n<div class=\"col-md-12 col-sm-12 col-xs-12 pt-cv-content-item pt-cv-1-col\" ><div class='pt-cv-ifield'><a href=\"https:\/\/www.dmsjuridica.com\/buscador_20179478954\/corteconstitucionalcronologico202454587\/t-614-01\/\" class=\"_self pt-cv-href-thumbnail pt-cv-thumb-default\" target=\"_self\" ><\/a>\n<div class=\"pt-cv-taxoterm above_title\"><a href='https:\/\/www.dmsjuridica.com\/buscador_20179478954\/corteconstitucionalcronologico202454587\/category\/buscar-en-toda-la-corte\/2001\/tutelas-2001\/' title='Tutelas 2001' class='pt-cv-tax-tutelas-2001'>Tutelas 2001<\/a><\/div>\n<h4 class=\"pt-cv-title\"><a href=\"https:\/\/www.dmsjuridica.com\/buscador_20179478954\/corteconstitucionalcronologico202454587\/t-614-01\/\" class=\"_self\" target=\"_self\" >T-614-01<\/a><\/h4>\n<div class=\"pt-cv-content\">\u00a0 \u00a0 Sentencia T-614\/01 \u00a0 ACTO ADMINISTRATIVO PARTICULAR Y CONCRETO-No puede ser desconocido unilaterlamente por la autoridad p\u00fablica \u00a0 DERECHO AL MINIMO VITAL DEL TRABAJADOR-Pago oportuno de salarios \u00a0 DERECHO A LA SUBSISTENCIA-Pago de prima t\u00e9cnica \u00a0 -Reiteraci\u00f3n de Jurisprudencia- \u00a0 REF: Expediente No. T-423454 \u00a0 Acci\u00f3n de tutela instaurada por Ruby Mar\u00eda Ortega contra el Gobernador del Tolima y la Secretar\u00eda de Educaci\u00f3n, la Juventud y el Deporte. \u00a0 Magistrado Ponente: \u00a0 RODRIGO ESCOBAR GIL. \u00a0 Bogot\u00e1 D. C., once (11) de junio del a\u00f1o dos mil uno (2001). \u00a0 La Sala Quinta de Revisi\u00f3n de la Corte Constitucional, ...<br \/><div class=\"pt-cv-rmwrap\"><a href=\"https:\/\/www.dmsjuridica.com\/buscador_20179478954\/corteconstitucionalcronologico202454587\/t-614-01\/\" class=\"_self pt-cv-readmore btn btn-success\" target=\"_self\">Ver Sentencia Completa...<\/a><\/div><\/div><\/div><\/div>\n<div class=\"col-md-12 col-sm-12 col-xs-12 pt-cv-content-item pt-cv-1-col\" ><div class='pt-cv-ifield'><a href=\"https:\/\/www.dmsjuridica.com\/buscador_20179478954\/corteconstitucionalcronologico202454587\/t-613-01\/\" class=\"_self pt-cv-href-thumbnail pt-cv-thumb-default\" target=\"_self\" ><\/a>\n<div class=\"pt-cv-taxoterm above_title\"><a href='https:\/\/www.dmsjuridica.com\/buscador_20179478954\/corteconstitucionalcronologico202454587\/category\/buscar-en-toda-la-corte\/2001\/tutelas-2001\/' title='Tutelas 2001' class='pt-cv-tax-tutelas-2001'>Tutelas 2001<\/a><\/div>\n<h4 class=\"pt-cv-title\"><a href=\"https:\/\/www.dmsjuridica.com\/buscador_20179478954\/corteconstitucionalcronologico202454587\/t-613-01\/\" class=\"_self\" target=\"_self\" >T-613-01<\/a><\/h4>\n<div class=\"pt-cv-content\">\u00a0 \u00a0 Sentencia T-613\/01 \u00a0 ACCION DE TUTELA-Subordinaci\u00f3n \u00a0 ACCION DE TUTELA-Procedencia excepcional pago de acreencias laborales \u00a0 DERECHO AL MINIMO VITAL-Alcance \u00a0 EMPLEADOR-Situaci\u00f3n econ\u00f3mica o presupuestal no es \u00f3bice para desconocer obligaciones laborales \u00a0 DERECHO AL PAGO OPORTUNO DEL SALARIO-Fundamental \u00a0 DERECHO AL MINIMO VITAL-Prueba de la amenaza \u00a0 DERECHO AL MINIMO VITAL DEL TRABAJADOR-Pago oportuno de salarios \u00a0 Reiteraci\u00f3n de Jurisprudencia \u00a0 Referencia: expediente T-420084 \u00a0 Acci\u00f3n de tutela instaurada por Ubany de Jes\u00fas Zuluaga de Los R\u00edos contra INTEGRAL S.A y Servicios de Ingenier\u00eda SERVING S.A. \u00a0 Magistrado Ponente: \u00a0 Dr. RODRIGO ESCOBAR GIL \u00a0 Bogot\u00e1 D.C., ...<br \/><div class=\"pt-cv-rmwrap\"><a href=\"https:\/\/www.dmsjuridica.com\/buscador_20179478954\/corteconstitucionalcronologico202454587\/t-613-01\/\" class=\"_self pt-cv-readmore btn btn-success\" target=\"_self\">Ver Sentencia Completa...<\/a><\/div><\/div><\/div><\/div>\n<div class=\"col-md-12 col-sm-12 col-xs-12 pt-cv-content-item pt-cv-1-col\" ><div class='pt-cv-ifield'><a href=\"https:\/\/www.dmsjuridica.com\/buscador_20179478954\/corteconstitucionalcronologico202454587\/t-612-01\/\" class=\"_self pt-cv-href-thumbnail pt-cv-thumb-default\" target=\"_self\" ><\/a>\n<div class=\"pt-cv-taxoterm above_title\"><a href='https:\/\/www.dmsjuridica.com\/buscador_20179478954\/corteconstitucionalcronologico202454587\/category\/buscar-en-toda-la-corte\/2001\/tutelas-2001\/' title='Tutelas 2001' class='pt-cv-tax-tutelas-2001'>Tutelas 2001<\/a><\/div>\n<h4 class=\"pt-cv-title\"><a href=\"https:\/\/www.dmsjuridica.com\/buscador_20179478954\/corteconstitucionalcronologico202454587\/t-612-01\/\" class=\"_self\" target=\"_self\" >T-612-01<\/a><\/h4>\n<div class=\"pt-cv-content\">\u00a0 \u00a0 Sentencia T-612\/01 \u00a0 ACCION DE TUTELA-Hecho superado \u00a0 Reiteraci\u00f3n de Jurisprudencia \u00a0 Referencia: expediente T-398235\u00a0 \u00a0 Acci\u00f3n de Tutela incoada por Eucaris de Jes\u00fas Gonz\u00e1lez Gallego contra el Instituto de Seguros Sociales - Seccional Antioquia. \u00a0 Magistrado Ponente:\u00a0 \u00a0 Dr. RODRIGO ESCOBAR GIL \u00a0 Bogot\u00e1 D.C., junio once (11) de dos mil uno (2.001). \u00a0 La Sala Quinta de Revisi\u00f3n de Tutelas de la Corte Constitucional, compuesta por los Magistrados, Rodrigo Escobar Gil, Marco Gerardo Monroy Cabra y Eduardo Montealegre Lynett, en ejercicio de sus competencias constitucionales y legales, dentro del proceso de revisi\u00f3n de las sentencias \u00a0proferidas ...<br \/><div class=\"pt-cv-rmwrap\"><a href=\"https:\/\/www.dmsjuridica.com\/buscador_20179478954\/corteconstitucionalcronologico202454587\/t-612-01\/\" class=\"_self pt-cv-readmore btn btn-success\" target=\"_self\">Ver Sentencia Completa...<\/a><\/div><\/div><\/div><\/div>\n<div class=\"col-md-12 col-sm-12 col-xs-12 pt-cv-content-item pt-cv-1-col\" ><div class='pt-cv-ifield'><a href=\"https:\/\/www.dmsjuridica.com\/buscador_20179478954\/corteconstitucionalcronologico202454587\/t-611-01\/\" class=\"_self pt-cv-href-thumbnail pt-cv-thumb-default\" target=\"_self\" ><\/a>\n<div class=\"pt-cv-taxoterm above_title\"><a href='https:\/\/www.dmsjuridica.com\/buscador_20179478954\/corteconstitucionalcronologico202454587\/category\/buscar-en-toda-la-corte\/2001\/tutelas-2001\/' title='Tutelas 2001' class='pt-cv-tax-tutelas-2001'>Tutelas 2001<\/a><\/div>\n<h4 class=\"pt-cv-title\"><a href=\"https:\/\/www.dmsjuridica.com\/buscador_20179478954\/corteconstitucionalcronologico202454587\/t-611-01\/\" class=\"_self\" target=\"_self\" >T-611-01<\/a><\/h4>\n<div class=\"pt-cv-content\">\u00a0 \u00a0 Sentencia T-611\/01 \u00a0 DERECHO AL TRABAJO-Doble dimensi\u00f3n\u00a0 \u00a0 El derecho al trabajo tiene una doble dimensi\u00f3n: individual y colectiva, reconocida en la Constituci\u00f3n. El aspecto individual se refiere a la facultad que tiene toda persona de elegir y ejercer profesi\u00f3n u oficio en condiciones dignas y justas. En la dimensi\u00f3n colectiva implica un mandato a los poderes p\u00fablicos para que lleven a cabo una pol\u00edtica de pleno empleo porque de lo contrario el ejercicio del derecho al trabajo se convierte en una simple expectativa. \u00a0 DERECHO AL TRABAJO-Fundamental \u00a0 DERECHO AL TRABAJO-Protecci\u00f3n por tutela \u00a0 ACCION DE TUTELA ...<br \/><div class=\"pt-cv-rmwrap\"><a href=\"https:\/\/www.dmsjuridica.com\/buscador_20179478954\/corteconstitucionalcronologico202454587\/t-611-01\/\" class=\"_self pt-cv-readmore btn btn-success\" target=\"_self\">Ver Sentencia Completa...<\/a><\/div><\/div><\/div><\/div>\n<div class=\"col-md-12 col-sm-12 col-xs-12 pt-cv-content-item pt-cv-1-col\" ><div class='pt-cv-ifield'><a href=\"https:\/\/www.dmsjuridica.com\/buscador_20179478954\/corteconstitucionalcronologico202454587\/t-610-01\/\" class=\"_self pt-cv-href-thumbnail pt-cv-thumb-default\" target=\"_self\" ><\/a>\n<div class=\"pt-cv-taxoterm above_title\"><a href='https:\/\/www.dmsjuridica.com\/buscador_20179478954\/corteconstitucionalcronologico202454587\/category\/buscar-en-toda-la-corte\/2001\/tutelas-2001\/' title='Tutelas 2001' class='pt-cv-tax-tutelas-2001'>Tutelas 2001<\/a><\/div>\n<h4 class=\"pt-cv-title\"><a href=\"https:\/\/www.dmsjuridica.com\/buscador_20179478954\/corteconstitucionalcronologico202454587\/t-610-01\/\" class=\"_self\" target=\"_self\" >T-610-01<\/a><\/h4>\n<div class=\"pt-cv-content\">\u00a0 \u00a0 Sentencia T-610\/01 \u00a0 DEFENSA TECNICA-Concepto \u00a0 La defensa t\u00e9cnica hace referencia al derecho que tiene el sindicado de escoger o designar a su propio defensor, o en su defecto a ser representado por uno de oficio provisto por el mismo Estado y denominado \u201cdefensor de oficio\u201d, con lo cual se garantiza que el inculpado est\u00e9 representado por una persona con un nivel b\u00e1sico de formaci\u00f3n jur\u00eddica, pues su ausencia generar\u00eda nulidad sin posibilidad de ser saneada por vulneraci\u00f3n al derecho de defensa. La defensa t\u00e9cnica debe ser ininterrumpida y por lo tanto, debe estar presente tanto en la ...<br \/><div class=\"pt-cv-rmwrap\"><a href=\"https:\/\/www.dmsjuridica.com\/buscador_20179478954\/corteconstitucionalcronologico202454587\/t-610-01\/\" class=\"_self pt-cv-readmore btn btn-success\" target=\"_self\">Ver Sentencia Completa...<\/a><\/div><\/div><\/div><\/div>\n<div class=\"col-md-12 col-sm-12 col-xs-12 pt-cv-content-item pt-cv-1-col\" ><div class='pt-cv-ifield'><a href=\"https:\/\/www.dmsjuridica.com\/buscador_20179478954\/corteconstitucionalcronologico202454587\/t-609-01\/\" class=\"_self pt-cv-href-thumbnail pt-cv-thumb-default\" target=\"_self\" ><\/a>\n<div class=\"pt-cv-taxoterm above_title\"><a href='https:\/\/www.dmsjuridica.com\/buscador_20179478954\/corteconstitucionalcronologico202454587\/category\/buscar-en-toda-la-corte\/2001\/tutelas-2001\/' title='Tutelas 2001' class='pt-cv-tax-tutelas-2001'>Tutelas 2001<\/a><\/div>\n<h4 class=\"pt-cv-title\"><a href=\"https:\/\/www.dmsjuridica.com\/buscador_20179478954\/corteconstitucionalcronologico202454587\/t-609-01\/\" class=\"_self\" target=\"_self\" >T-609-01<\/a><\/h4>\n<div class=\"pt-cv-content\">\u00a0 \u00a0 Sentencia T-609\/01 \u00a0 COMPETENCIA A PREVENCION EN TUTELA-Alcance \u00a0 COMPETENCIA A PREVENCION EN TUTELA-Lugar donde ocurri\u00f3 amenaza o vulneraci\u00f3n de derechos fundamentales \u00a0 ACCION DE TUTELA-Procedencia excepcional pago de acreencias laborales\/DERECHO A LA VIDA DIGNA DEL PENSIONADO-Pago oportuno de mesadas por compa\u00f1\u00eda de inversiones Flota Mercante\u00a0 \u00a0 EMPLEADOR-Situaci\u00f3n econ\u00f3mica o presupuestal no es \u00f3bice para desconocer obligaciones laborales \u00a0 EMPLEADOR-Mora de aportes en salud \u00a0 SISTEMA DE SEGURIDAD SOCIAL EN SALUD-Mora en el pago de aportes por empleador da lugar a la suspensi\u00f3n de servicios por EPS\/EMPLEADOR-Asunci\u00f3n de responsabilidad por mora en aportes en salud \u00a0 Reiteraci\u00f3n de ...<br \/><div class=\"pt-cv-rmwrap\"><a href=\"https:\/\/www.dmsjuridica.com\/buscador_20179478954\/corteconstitucionalcronologico202454587\/t-609-01\/\" class=\"_self pt-cv-readmore btn btn-success\" target=\"_self\">Ver Sentencia Completa...<\/a><\/div><\/div><\/div><\/div>\n<div class=\"col-md-12 col-sm-12 col-xs-12 pt-cv-content-item pt-cv-1-col\" ><div class='pt-cv-ifield'><a href=\"https:\/\/www.dmsjuridica.com\/buscador_20179478954\/corteconstitucionalcronologico202454587\/t-608-01\/\" class=\"_self pt-cv-href-thumbnail pt-cv-thumb-default\" target=\"_self\" ><\/a>\n<div class=\"pt-cv-taxoterm above_title\"><a href='https:\/\/www.dmsjuridica.com\/buscador_20179478954\/corteconstitucionalcronologico202454587\/category\/buscar-en-toda-la-corte\/2001\/tutelas-2001\/' title='Tutelas 2001' class='pt-cv-tax-tutelas-2001'>Tutelas 2001<\/a><\/div>\n<h4 class=\"pt-cv-title\"><a href=\"https:\/\/www.dmsjuridica.com\/buscador_20179478954\/corteconstitucionalcronologico202454587\/t-608-01\/\" class=\"_self\" target=\"_self\" >T-608-01<\/a><\/h4>\n<div class=\"pt-cv-content\">\u00a0 \u00a0 Sentencia T-608\/01 \u00a0 DERECHOS FUNDAMENTALES-Vulneraci\u00f3n \u00a0 INDEFENSION-Alcance \u00a0 JUEZ DE TUTELA-Configuraci\u00f3n de amenaza o violaci\u00f3n de derechos fundamentales \u00a0 ACCION DE TUTELA TRANSITORIA-Paz y tranquilidad familiar \u00a0 Referencia: expediente T- 423847\u00a0 \u00a0 Acci\u00f3n de tutela incoada por Mart\u00ednez Garc\u00eda Alma Nury contra Edison Garc\u00eda Camayo.\u00a0 \u00a0 Magistrado Ponente: \u00a0 Dr. JAIME ARAUJO RENTERIA \u00a0 Bogot\u00e1, D.C., siete (7) de junio de dos mil uno (2001). \u00a0 La Sala Primera de Revisi\u00f3n de la Corte Constitucional, en ejercicio de sus atribuciones constitucionales y legales, espec\u00edficamente las previstas en los art\u00edculos 86 y 241, numeral 9, de la Constituci\u00f3n Pol\u00edtica ...<br \/><div class=\"pt-cv-rmwrap\"><a href=\"https:\/\/www.dmsjuridica.com\/buscador_20179478954\/corteconstitucionalcronologico202454587\/t-608-01\/\" class=\"_self pt-cv-readmore btn btn-success\" target=\"_self\">Ver Sentencia Completa...<\/a><\/div><\/div><\/div><\/div>\n<div class=\"col-md-12 col-sm-12 col-xs-12 pt-cv-content-item pt-cv-1-col\" ><div class='pt-cv-ifield'><a href=\"https:\/\/www.dmsjuridica.com\/buscador_20179478954\/corteconstitucionalcronologico202454587\/t-607-01\/\" class=\"_self pt-cv-href-thumbnail pt-cv-thumb-default\" target=\"_self\" ><\/a>\n<div class=\"pt-cv-taxoterm above_title\"><a href='https:\/\/www.dmsjuridica.com\/buscador_20179478954\/corteconstitucionalcronologico202454587\/category\/buscar-en-toda-la-corte\/2001\/tutelas-2001\/' title='Tutelas 2001' class='pt-cv-tax-tutelas-2001'>Tutelas 2001<\/a><\/div>\n<h4 class=\"pt-cv-title\"><a href=\"https:\/\/www.dmsjuridica.com\/buscador_20179478954\/corteconstitucionalcronologico202454587\/t-607-01\/\" class=\"_self\" target=\"_self\" >T-607-01<\/a><\/h4>\n<div class=\"pt-cv-content\">\u00a0 \u00a0 Sentencia T-607\/01 \u00a0 DERECHO A LA VIDA DIGNA DEL NI\u00d1O-Suministro silla de ruedas \u00a0 Referencia: expediente T-440203 \u00a0 Accionante: Mar\u00eda Rubiela Naranjo \u00a0 Accionado: Susalud E.P.S. \u00a0 Magistrado Ponente:\u00a0 \u00a0 Dr. MARCO GERARDO MONROY CABRA \u00a0 Bogot\u00e1 D.C., \u00a0siete \u00a0(7) \u00a0de junio de dos mil uno (2001) \u00a0 La Sala Sexta de la Corte Constitucional, integrada por los Magistrados doctores, Eduardo Montealegre Lynett, Alvaro Tafur Galvis y Marco Gerardo Monroy, quien la preside, \u00a0en ejercicio de sus competencias constitucionales y legales han pronunciado la siguiente\u00a0 \u00a0 SENTENCIA \u00a0 En el proceso de revisi\u00f3n de la sentencia proferida por ...<br \/><div class=\"pt-cv-rmwrap\"><a href=\"https:\/\/www.dmsjuridica.com\/buscador_20179478954\/corteconstitucionalcronologico202454587\/t-607-01\/\" class=\"_self pt-cv-readmore btn btn-success\" target=\"_self\">Ver Sentencia Completa...<\/a><\/div><\/div><\/div><\/div>\n<div class=\"col-md-12 col-sm-12 col-xs-12 pt-cv-content-item pt-cv-1-col\" ><div class='pt-cv-ifield'><a href=\"https:\/\/www.dmsjuridica.com\/buscador_20179478954\/corteconstitucionalcronologico202454587\/t-606-01\/\" class=\"_self pt-cv-href-thumbnail pt-cv-thumb-default\" target=\"_self\" ><\/a>\n<div class=\"pt-cv-taxoterm above_title\"><a href='https:\/\/www.dmsjuridica.com\/buscador_20179478954\/corteconstitucionalcronologico202454587\/category\/buscar-en-toda-la-corte\/2001\/tutelas-2001\/' title='Tutelas 2001' class='pt-cv-tax-tutelas-2001'>Tutelas 2001<\/a><\/div>\n<h4 class=\"pt-cv-title\"><a href=\"https:\/\/www.dmsjuridica.com\/buscador_20179478954\/corteconstitucionalcronologico202454587\/t-606-01\/\" class=\"_self\" target=\"_self\" >T-606-01<\/a><\/h4>\n<div class=\"pt-cv-content\">\u00a0 \u00a0 Sentencia T-606\/01 \u00a0 JURISDICCION INDIGENA Y BLOQUE DE CONSTITUCIONALIDAD \u00a0 Para la Corte \u00a0la jurisdicci\u00f3n ind\u00edgena est\u00e1 integrada por sus propias \u00a0autoridades judiciales, la potestad que estas tienen para establecer normas y procedimientos propios, con sujeci\u00f3n de estos a la ley \u00a0y a la Constituci\u00f3n. Seg\u00fan la jurisprudencia, la jurisdicci\u00f3n ind\u00edgena no est\u00e1 supeditada a la expedici\u00f3n de la ley previa, pues \u00a0la Constituci\u00f3n tiene efectos normativos directos. Pero no solamente es la Constituci\u00f3n la que establece esta jurisdicci\u00f3n especial ind\u00edgena. La OIT en el Convenio 169 (sobre pueblos ind\u00edgenas y tribales), aprobado en Colombia \u00a0por la ley ...<br \/><div class=\"pt-cv-rmwrap\"><a href=\"https:\/\/www.dmsjuridica.com\/buscador_20179478954\/corteconstitucionalcronologico202454587\/t-606-01\/\" class=\"_self pt-cv-readmore btn btn-success\" target=\"_self\">Ver Sentencia Completa...<\/a><\/div><\/div><\/div><\/div>\n<div class=\"col-md-12 col-sm-12 col-xs-12 pt-cv-content-item pt-cv-1-col\" ><div class='pt-cv-ifield'><a href=\"https:\/\/www.dmsjuridica.com\/buscador_20179478954\/corteconstitucionalcronologico202454587\/t-605-01\/\" class=\"_self pt-cv-href-thumbnail pt-cv-thumb-default\" target=\"_self\" ><\/a>\n<div class=\"pt-cv-taxoterm above_title\"><a href='https:\/\/www.dmsjuridica.com\/buscador_20179478954\/corteconstitucionalcronologico202454587\/category\/buscar-en-toda-la-corte\/2001\/tutelas-2001\/' title='Tutelas 2001' class='pt-cv-tax-tutelas-2001'>Tutelas 2001<\/a><\/div>\n<h4 class=\"pt-cv-title\"><a href=\"https:\/\/www.dmsjuridica.com\/buscador_20179478954\/corteconstitucionalcronologico202454587\/t-605-01\/\" class=\"_self\" target=\"_self\" >T-605-01<\/a><\/h4>\n<div class=\"pt-cv-content\">\u00a0 \u00a0 Sentencia T-605\/01 \u00a0 ACCION DE TUTELA-Naturaleza \u00a0 JUEZ CONSTITUCIONAL-Improcedencia para sustituir a las autoridades en las competencias asignadas por la Constituci\u00f3n Pol\u00edtica \u00a0 GOBIERNO-Formulaci\u00f3n anual del presupuesto y ley de apropiaciones\/JUEZ DE TUTELA-Imposibilidad de modificar presupuesto para incremento salarial de servidores p\u00fablicos \u00a0 ACCION DE TUTELA TRANSITORIA-Improcedencia incremento salarial para servidores p\u00fablicos \u00a0 Referencia: expediente T- 430386 \u00a0 Peticionarios: Nelsy Rojas y otros \u00a0 Procedencia: Juzgado Promiscuo Municipal de San Sebasti\u00e1n de Buenavista \u00a0 Magistrado Ponente: \u00a0 Bogot\u00e1, D.C., \u00a0siete (7) de \u00a0junio de dos mil uno (2001). \u00a0 La Sala Sexta de Revisi\u00f3n de la Corte Constitucional, ...<br \/><div class=\"pt-cv-rmwrap\"><a href=\"https:\/\/www.dmsjuridica.com\/buscador_20179478954\/corteconstitucionalcronologico202454587\/t-605-01\/\" class=\"_self pt-cv-readmore btn btn-success\" target=\"_self\">Ver Sentencia Completa...<\/a><\/div><\/div><\/div><\/div>\n<div class=\"col-md-12 col-sm-12 col-xs-12 pt-cv-content-item pt-cv-1-col\" ><div class='pt-cv-ifield'><a href=\"https:\/\/www.dmsjuridica.com\/buscador_20179478954\/corteconstitucionalcronologico202454587\/t-604-01\/\" class=\"_self pt-cv-href-thumbnail pt-cv-thumb-default\" target=\"_self\" ><\/a>\n<div class=\"pt-cv-taxoterm above_title\"><a href='https:\/\/www.dmsjuridica.com\/buscador_20179478954\/corteconstitucionalcronologico202454587\/category\/buscar-en-toda-la-corte\/2001\/tutelas-2001\/' title='Tutelas 2001' class='pt-cv-tax-tutelas-2001'>Tutelas 2001<\/a><\/div>\n<h4 class=\"pt-cv-title\"><a href=\"https:\/\/www.dmsjuridica.com\/buscador_20179478954\/corteconstitucionalcronologico202454587\/t-604-01\/\" class=\"_self\" target=\"_self\" >T-604-01<\/a><\/h4>\n<div class=\"pt-cv-content\">\u00a0 \u00a0 Sentencia T-604\/01 \u00a0 DERECHO A LA PENSION DE JUBILACION-Tr\u00e1mite administrativo o presupuestal no impide pago oportuno de mesadas \u00a0 DERECHO AL MINIMO VITAL DEL PENSIONADO-Pago oportuno de mesadas \u00a0 - Reiteraci\u00f3n de Jurisprudencia - \u00a0 Referencia: expedientes T-409162, T-409163, 606 \u00a0 T-409269 y T-409270. \u00a0 Acciones de tutela instauradas por Jos\u00e9 Escipi\u00f3n Reyes, Gladys Vargas de Chaparro, Jaime Alirio Rojas Leal y Mar\u00eda Ana Cecilia M\u00e1rquez M\u00e1rquez, contra el Ministerio de Salud - Fondo del Pasivo Prestacional del Sector Salud - y la Fundaci\u00f3n San Juan de Dios de Bogot\u00e1 D.C. \u00a0 Magistrado Ponente: \u00a0 Dr. EDUARDO MONTEALEGRE ...<br \/><div class=\"pt-cv-rmwrap\"><a href=\"https:\/\/www.dmsjuridica.com\/buscador_20179478954\/corteconstitucionalcronologico202454587\/t-604-01\/\" class=\"_self pt-cv-readmore btn btn-success\" target=\"_self\">Ver Sentencia Completa...<\/a><\/div><\/div><\/div><\/div>\n<div class=\"col-md-12 col-sm-12 col-xs-12 pt-cv-content-item pt-cv-1-col\" ><div class='pt-cv-ifield'><a href=\"https:\/\/www.dmsjuridica.com\/buscador_20179478954\/corteconstitucionalcronologico202454587\/t-603-01\/\" class=\"_self pt-cv-href-thumbnail pt-cv-thumb-default\" target=\"_self\" ><\/a>\n<div class=\"pt-cv-taxoterm above_title\"><a href='https:\/\/www.dmsjuridica.com\/buscador_20179478954\/corteconstitucionalcronologico202454587\/category\/buscar-en-toda-la-corte\/2001\/tutelas-2001\/' title='Tutelas 2001' class='pt-cv-tax-tutelas-2001'>Tutelas 2001<\/a><\/div>\n<h4 class=\"pt-cv-title\"><a href=\"https:\/\/www.dmsjuridica.com\/buscador_20179478954\/corteconstitucionalcronologico202454587\/t-603-01\/\" class=\"_self\" target=\"_self\" >T-603-01<\/a><\/h4>\n<div class=\"pt-cv-content\">\u00a0 \u00a0 Sentencia T-603\/01 \u00a0 DERECHO A LA SALUD DEL ENFERMO DE SIDA-Pr\u00e1ctica de ex\u00e1menes \u00a0 El juez constitucional, como cualquier juez de la Rep\u00fablica, debe arribar a conclusiones con base en el an\u00e1lisis ponderado y juicioso de las pruebas que hayan sido aportadas a la actuaci\u00f3n, y no con base en suposiciones, conjeturas o, como en este caso, equiparaciones sin sustento alguno, so pena de equivocarse en su decisi\u00f3n en detrimento de la administraci\u00f3n de justicia.\u00a0 \u00a0 Referencia: expedientes Acumulados T-404910 y T-412837. Acciones de tutela promovidas individualmente por Myriam Tavera Achury y Alfonso Arcesio Guzm\u00e1n Pinto, contra la ...<br \/><div class=\"pt-cv-rmwrap\"><a href=\"https:\/\/www.dmsjuridica.com\/buscador_20179478954\/corteconstitucionalcronologico202454587\/t-603-01\/\" class=\"_self pt-cv-readmore btn btn-success\" target=\"_self\">Ver Sentencia Completa...<\/a><\/div><\/div><\/div><\/div>\n<div class=\"col-md-12 col-sm-12 col-xs-12 pt-cv-content-item pt-cv-1-col\" ><div class='pt-cv-ifield'><a href=\"https:\/\/www.dmsjuridica.com\/buscador_20179478954\/corteconstitucionalcronologico202454587\/t-602-01\/\" class=\"_self pt-cv-href-thumbnail pt-cv-thumb-default\" target=\"_self\" ><\/a>\n<div class=\"pt-cv-taxoterm above_title\"><a href='https:\/\/www.dmsjuridica.com\/buscador_20179478954\/corteconstitucionalcronologico202454587\/category\/buscar-en-toda-la-corte\/2001\/tutelas-2001\/' title='Tutelas 2001' class='pt-cv-tax-tutelas-2001'>Tutelas 2001<\/a><\/div>\n<h4 class=\"pt-cv-title\"><a href=\"https:\/\/www.dmsjuridica.com\/buscador_20179478954\/corteconstitucionalcronologico202454587\/t-602-01\/\" class=\"_self\" target=\"_self\" >T-602-01<\/a><\/h4>\n<div class=\"pt-cv-content\">\u00a0 \u00a0 Sentencia T-602\/01 \u00a0 DERECHO DE PETICION-N\u00facleo esencial \u00a0 DERECHO DE PETICION-T\u00e9rmino para resolver \u00a0 DERECHO DE PETICION FRENTE AL SILENCIO ADMINISTRATIVO-Alcance \u00a0 Referencia: expediente T-419983. Acci\u00f3n de tutela formulada por Fidel Antonio Calero Campuzano contra el Instituto de Seguro Social, Seccional Valle del Cauca.\u00a0 \u00a0 Magistrada Ponente: \u00a0 Dra. CLARA INES VARGAS HERNANDEZ \u00a0 Bogot\u00e1, \u00a0D. C., siete (7) de junio de dos mil uno (2001). \u00a0 La Sala Novena de Revisi\u00f3n de Tutelas de la Corte Constitucional, conformada por los Magistrados CLARA INES VARGAS HERNANDEZ, JAIME ARAUJO RENTERIA y ALFREDO BELTRAN SIERRA dicta la siguiente \u00a0 SENTENCIA ...<br \/><div class=\"pt-cv-rmwrap\"><a href=\"https:\/\/www.dmsjuridica.com\/buscador_20179478954\/corteconstitucionalcronologico202454587\/t-602-01\/\" class=\"_self pt-cv-readmore btn btn-success\" target=\"_self\">Ver Sentencia Completa...<\/a><\/div><\/div><\/div><\/div>\n<div class=\"col-md-12 col-sm-12 col-xs-12 pt-cv-content-item pt-cv-1-col\" ><div class='pt-cv-ifield'><a href=\"https:\/\/www.dmsjuridica.com\/buscador_20179478954\/corteconstitucionalcronologico202454587\/t-601-01\/\" class=\"_self pt-cv-href-thumbnail pt-cv-thumb-default\" target=\"_self\" ><\/a>\n<div class=\"pt-cv-taxoterm above_title\"><a href='https:\/\/www.dmsjuridica.com\/buscador_20179478954\/corteconstitucionalcronologico202454587\/category\/buscar-en-toda-la-corte\/2001\/tutelas-2001\/' title='Tutelas 2001' class='pt-cv-tax-tutelas-2001'>Tutelas 2001<\/a><\/div>\n<h4 class=\"pt-cv-title\"><a href=\"https:\/\/www.dmsjuridica.com\/buscador_20179478954\/corteconstitucionalcronologico202454587\/t-601-01\/\" class=\"_self\" target=\"_self\" >T-601-01<\/a><\/h4>\n<div class=\"pt-cv-content\">\u00a0 \u00a0 Sentencia T-601\/01 \u00a0 TRABAJADORES DEL INSTITUTO DISTRITAL DE CULTURA Y TURISMO-Pago de indemnizaci\u00f3n por supresi\u00f3n del cargo de carrera administrativa\/DERECHO DE ASOCIACION SINDICAL-No vulneraci\u00f3n por libre retiro de sindicalizados \u00a0 No procede el amparo solicitado porque el an\u00e1lisis de las pruebas allegadas al expediente no conduce a concluir que el derecho fundamental invocado fuera objeto de quebrantamiento alguno. El comportamiento asumido materialmente por el ente accionado, circunscrito al establecimiento de una nueva planta de personal determinada con base en sus facultades legales y estatutarias por la Junta Directiva, y luego ponerle de presente a cada uno de los ...<br \/><div class=\"pt-cv-rmwrap\"><a href=\"https:\/\/www.dmsjuridica.com\/buscador_20179478954\/corteconstitucionalcronologico202454587\/t-601-01\/\" class=\"_self pt-cv-readmore btn btn-success\" target=\"_self\">Ver Sentencia Completa...<\/a><\/div><\/div><\/div><\/div>\n<div class=\"col-md-12 col-sm-12 col-xs-12 pt-cv-content-item pt-cv-1-col\" ><div class='pt-cv-ifield'><a href=\"https:\/\/www.dmsjuridica.com\/buscador_20179478954\/corteconstitucionalcronologico202454587\/t-600-01\/\" class=\"_self pt-cv-href-thumbnail pt-cv-thumb-default\" target=\"_self\" ><\/a>\n<div class=\"pt-cv-taxoterm above_title\"><a href='https:\/\/www.dmsjuridica.com\/buscador_20179478954\/corteconstitucionalcronologico202454587\/category\/buscar-en-toda-la-corte\/2001\/tutelas-2001\/' title='Tutelas 2001' class='pt-cv-tax-tutelas-2001'>Tutelas 2001<\/a><\/div>\n<h4 class=\"pt-cv-title\"><a href=\"https:\/\/www.dmsjuridica.com\/buscador_20179478954\/corteconstitucionalcronologico202454587\/t-600-01\/\" class=\"_self\" target=\"_self\" >T-600-01<\/a><\/h4>\n<div class=\"pt-cv-content\">\u00a0 \u00a0 Sentencia T-600\/01 \u00a0 ACCION DE TUTELA-Improcedencia reconocimiento de pensi\u00f3n \u00a0 ACCION DE TUTELA-Hecho superado \u00a0 Referencia: expediente T-411221. Acci\u00f3n de tutela presentada por Pedro Manuel Valenzuela Castro contra el Instituto Colombiano de la Reforma Agraria -Incora-.\u00a0 \u00a0 Magistrada Ponente: \u00a0 Dra. CLARA INES VARGAS HERNANDEZ \u00a0 Bogot\u00e1, \u00a0D. C., siete (7) de junio de dos mil uno (2001). \u00a0 La Sala Novena de Revisi\u00f3n de Tutelas de la Corte Constitucional, integrada por \u00a0los Magistrados CLARA INES VARGAS HERNANDEZ, JAIME ARAUJO RENTERIA y ALFREDO BELTRAN SIERRA dicta la siguiente \u00a0 Relacionada con la revisi\u00f3n de los fallos adoptados por ...<br \/><div class=\"pt-cv-rmwrap\"><a href=\"https:\/\/www.dmsjuridica.com\/buscador_20179478954\/corteconstitucionalcronologico202454587\/t-600-01\/\" class=\"_self pt-cv-readmore btn btn-success\" target=\"_self\">Ver Sentencia Completa...<\/a><\/div><\/div><\/div><\/div>\n<div class=\"col-md-12 col-sm-12 col-xs-12 pt-cv-content-item pt-cv-1-col\" ><div class='pt-cv-ifield'><a href=\"https:\/\/www.dmsjuridica.com\/buscador_20179478954\/corteconstitucionalcronologico202454587\/t-599-01\/\" class=\"_self pt-cv-href-thumbnail pt-cv-thumb-default\" target=\"_self\" ><\/a>\n<div class=\"pt-cv-taxoterm above_title\"><a href='https:\/\/www.dmsjuridica.com\/buscador_20179478954\/corteconstitucionalcronologico202454587\/category\/buscar-en-toda-la-corte\/2001\/tutelas-2001\/' title='Tutelas 2001' class='pt-cv-tax-tutelas-2001'>Tutelas 2001<\/a><\/div>\n<h4 class=\"pt-cv-title\"><a href=\"https:\/\/www.dmsjuridica.com\/buscador_20179478954\/corteconstitucionalcronologico202454587\/t-599-01\/\" class=\"_self\" target=\"_self\" >T-599-01<\/a><\/h4>\n<div class=\"pt-cv-content\">\u00a0 \u00a0 Sentencia T-599\/01 \u00a0 DERECHO DE PETICION-Pronta resoluci\u00f3n \u00a0 DERECHO DE PETICION FRENTE AL SILENCIO ADMINISTRATIVO NEGATIVO-Deber de resolver la solicitud\/SILENCIO ADMINISTRATIVO NEGATIVO Y REVOCACION DIRECTA DE ACTO ADMINISTRATIVO \u00a0 DERECHO DE PETICION-Alcance \u00a0 Magistrada ponente: \u00a0 Dra. CLARA INES VARGAS HERNANDEZ \u00a0 Bogot\u00e1, \u00a0D. C., siete (7) de junio de dos mil uno (2001). \u00a0 La Sala Novena de Revisi\u00f3n de la Corte Constitucional, conformada por los Magistrados CLARA INES VARGAS HERNANDEZ, JAIME ARAUJO RENTERIA y ALFREDO BELTRAN SIERRA, en ejercicio de sus competencias constitucionales y legales, concretamente las previstas en los art\u00edculos 86 y 241, numeral 9, ...<br \/><div class=\"pt-cv-rmwrap\"><a href=\"https:\/\/www.dmsjuridica.com\/buscador_20179478954\/corteconstitucionalcronologico202454587\/t-599-01\/\" class=\"_self pt-cv-readmore btn btn-success\" target=\"_self\">Ver Sentencia Completa...<\/a><\/div><\/div><\/div><\/div>\n<div class=\"col-md-12 col-sm-12 col-xs-12 pt-cv-content-item pt-cv-1-col\" ><div class='pt-cv-ifield'><a href=\"https:\/\/www.dmsjuridica.com\/buscador_20179478954\/corteconstitucionalcronologico202454587\/t-598-01\/\" class=\"_self pt-cv-href-thumbnail pt-cv-thumb-default\" target=\"_self\" ><\/a>\n<div class=\"pt-cv-taxoterm above_title\"><a href='https:\/\/www.dmsjuridica.com\/buscador_20179478954\/corteconstitucionalcronologico202454587\/category\/buscar-en-toda-la-corte\/2001\/tutelas-2001\/' title='Tutelas 2001' class='pt-cv-tax-tutelas-2001'>Tutelas 2001<\/a><\/div>\n<h4 class=\"pt-cv-title\"><a href=\"https:\/\/www.dmsjuridica.com\/buscador_20179478954\/corteconstitucionalcronologico202454587\/t-598-01\/\" class=\"_self\" target=\"_self\" >T-598-01<\/a><\/h4>\n<div class=\"pt-cv-content\">\u00a0 \u00a0 Sentencia T-598\/01 \u00a0 DERECHO A LA SALUD DEL NI\u00d1O\/SISBEN\u2013Atenci\u00f3n en salud de ni\u00f1o\/DIRECCION SECCIONAL DE SALUD-Orden para realizar TAC a ni\u00f1o \u00a0 Para la Corte no parece apropiado y mucho menos justo que con el fin de controlar el gasto de los escasos recursos con lo que se cuenta, la realizaci\u00f3n de un examen como el de la naturaleza que se le determin\u00f3 al ni\u00f1o se supedite a que el paciente se encuentre hospitalizado, como hecho seguramente demostrativo de la urgencia en la pr\u00e1ctica del examen, o \u00a0bien que, en todos los casos, se exija como requisito ineludible ...<br \/><div class=\"pt-cv-rmwrap\"><a href=\"https:\/\/www.dmsjuridica.com\/buscador_20179478954\/corteconstitucionalcronologico202454587\/t-598-01\/\" class=\"_self pt-cv-readmore btn btn-success\" target=\"_self\">Ver Sentencia Completa...<\/a><\/div><\/div><\/div><\/div>\n<div class=\"col-md-12 col-sm-12 col-xs-12 pt-cv-content-item pt-cv-1-col\" ><div class='pt-cv-ifield'><a href=\"https:\/\/www.dmsjuridica.com\/buscador_20179478954\/corteconstitucionalcronologico202454587\/t-597-01\/\" class=\"_self pt-cv-href-thumbnail pt-cv-thumb-default\" target=\"_self\" ><\/a>\n<div class=\"pt-cv-taxoterm above_title\"><a href='https:\/\/www.dmsjuridica.com\/buscador_20179478954\/corteconstitucionalcronologico202454587\/category\/buscar-en-toda-la-corte\/2001\/tutelas-2001\/' title='Tutelas 2001' class='pt-cv-tax-tutelas-2001'>Tutelas 2001<\/a><\/div>\n<h4 class=\"pt-cv-title\"><a href=\"https:\/\/www.dmsjuridica.com\/buscador_20179478954\/corteconstitucionalcronologico202454587\/t-597-01\/\" class=\"_self\" target=\"_self\" >T-597-01<\/a><\/h4>\n<div class=\"pt-cv-content\">\u00a0 \u00a0 Sentencia T-597\/01 \u00a0 DERECHO A LA SALUD DEL NI\u00d1O-Transplante de m\u00e9dula \u00f3sea en el exterior \u00a0 De acuerdo con la opini\u00f3n cient\u00edfica m\u00e1s generalizada, el procedimiento de trasplante de m\u00e9dula es un procedimiento que se encuentra en fase experimental. \u00a0Por otra parte, tampoco puede la Sala desconocer que de acuerdo con la evaluaci\u00f3n hecha por el epidemi\u00f3logo cl\u00ednico, no existe evidencia de que el trasplante no mieloablativo est\u00e9 indicado en los casos de leucemia linfobl\u00e1stica aguda. \u00a0Aunque no le corresponde a la Corte decidir definitivamente sobre la validez o la indicaci\u00f3n de los procedimientos m\u00e9dicos, s\u00ed le compete ...<br \/><div class=\"pt-cv-rmwrap\"><a href=\"https:\/\/www.dmsjuridica.com\/buscador_20179478954\/corteconstitucionalcronologico202454587\/t-597-01\/\" class=\"_self pt-cv-readmore btn btn-success\" target=\"_self\">Ver Sentencia Completa...<\/a><\/div><\/div><\/div><\/div>\n<div class=\"col-md-12 col-sm-12 col-xs-12 pt-cv-content-item pt-cv-1-col\" ><div class='pt-cv-ifield'><a href=\"https:\/\/www.dmsjuridica.com\/buscador_20179478954\/corteconstitucionalcronologico202454587\/t-596-01\/\" class=\"_self pt-cv-href-thumbnail pt-cv-thumb-default\" target=\"_self\" ><\/a>\n<div class=\"pt-cv-taxoterm above_title\"><a href='https:\/\/www.dmsjuridica.com\/buscador_20179478954\/corteconstitucionalcronologico202454587\/category\/buscar-en-toda-la-corte\/2001\/tutelas-2001\/' title='Tutelas 2001' class='pt-cv-tax-tutelas-2001'>Tutelas 2001<\/a><\/div>\n<h4 class=\"pt-cv-title\"><a href=\"https:\/\/www.dmsjuridica.com\/buscador_20179478954\/corteconstitucionalcronologico202454587\/t-596-01\/\" class=\"_self\" target=\"_self\" >T-596-01<\/a><\/h4>\n<div class=\"pt-cv-content\">\u00a0 \u00a0 Sentencia T-596\/01 \u00a0 RETIRO DEL PROGRAMA DE FORMACION DE OFICIALES DE \u00a0LA ESCUELA MILITAR DE AVIACION-Garant\u00eda del derecho de defensa en proceso disciplinario \u00a0 El demandante fue sancionado por \u00a0conductas que \u00e9l mismo reconoci\u00f3 como contrarias a la disciplina militar a la que \u00a0estaba sometido de acuerdo con el C\u00f3digo de Honor y dem\u00e1s normas aplicables; que no se viol\u00f3 su derecho de defensa \u00a0en cuanto fue escuchado en descargos y pudo controvertir las acusaciones en su contra y que la decisi\u00f3n fue adoptada por la autoridad competente \u00a0de acuerdo con el Reglamento. Todo lo cual indica prima ...<br \/><div class=\"pt-cv-rmwrap\"><a href=\"https:\/\/www.dmsjuridica.com\/buscador_20179478954\/corteconstitucionalcronologico202454587\/t-596-01\/\" class=\"_self pt-cv-readmore btn btn-success\" target=\"_self\">Ver Sentencia Completa...<\/a><\/div><\/div><\/div><\/div>\n<div class=\"col-md-12 col-sm-12 col-xs-12 pt-cv-content-item pt-cv-1-col\" ><div class='pt-cv-ifield'><a href=\"https:\/\/www.dmsjuridica.com\/buscador_20179478954\/corteconstitucionalcronologico202454587\/t-595-01\/\" class=\"_self pt-cv-href-thumbnail pt-cv-thumb-default\" target=\"_self\" ><\/a>\n<div class=\"pt-cv-taxoterm above_title\"><a href='https:\/\/www.dmsjuridica.com\/buscador_20179478954\/corteconstitucionalcronologico202454587\/category\/buscar-en-toda-la-corte\/2001\/tutelas-2001\/' title='Tutelas 2001' class='pt-cv-tax-tutelas-2001'>Tutelas 2001<\/a><\/div>\n<h4 class=\"pt-cv-title\"><a href=\"https:\/\/www.dmsjuridica.com\/buscador_20179478954\/corteconstitucionalcronologico202454587\/t-595-01\/\" class=\"_self\" target=\"_self\" >T-595-01<\/a><\/h4>\n<div class=\"pt-cv-content\">\u00a0 \u00a0 Sentencia T-595\/01 \u00a0 ACCION DE TUTELA-Procedencia excepcional pago de acreencias laborales \u00a0 SALARIO-Concepto y objeto \u00a0 EMPLEADOR-Falta de presupuesto o insolvencia para pago oportuno de salarios no es raz\u00f3n suficiente \u00a0 Reiteraci\u00f3n de Jurisprudencia \u00a0 Referencia: expediente T-426770 \u00a0 Acci\u00f3n de tutela instaurada por Emilio Rivas Moreno contra el Municipio de Santiago de Cali. \u00a0 \u00a0 \u00a0 Magistrado Ponente:\u00a0 \u00a0 Dr. ALVARO TAFUR GALVIS \u00a0 Bogot\u00e1, D.C., junio \u00a0siete (7) de dos mil uno (2001). \u00a0 La Sala Octava de Revisi\u00f3n de la Corte Constitucional, en ejercicio de sus competencias constitucionales y legales, espec\u00edficamente las previstas en los ...<br \/><div class=\"pt-cv-rmwrap\"><a href=\"https:\/\/www.dmsjuridica.com\/buscador_20179478954\/corteconstitucionalcronologico202454587\/t-595-01\/\" class=\"_self pt-cv-readmore btn btn-success\" target=\"_self\">Ver Sentencia Completa...<\/a><\/div><\/div><\/div><\/div>\n<div class=\"col-md-12 col-sm-12 col-xs-12 pt-cv-content-item pt-cv-1-col\" ><div class='pt-cv-ifield'><a href=\"https:\/\/www.dmsjuridica.com\/buscador_20179478954\/corteconstitucionalcronologico202454587\/t-594-01\/\" class=\"_self pt-cv-href-thumbnail pt-cv-thumb-default\" target=\"_self\" ><\/a>\n<div class=\"pt-cv-taxoterm above_title\"><a href='https:\/\/www.dmsjuridica.com\/buscador_20179478954\/corteconstitucionalcronologico202454587\/category\/buscar-en-toda-la-corte\/2001\/tutelas-2001\/' title='Tutelas 2001' class='pt-cv-tax-tutelas-2001'>Tutelas 2001<\/a><\/div>\n<h4 class=\"pt-cv-title\"><a href=\"https:\/\/www.dmsjuridica.com\/buscador_20179478954\/corteconstitucionalcronologico202454587\/t-594-01\/\" class=\"_self\" target=\"_self\" >T-594-01<\/a><\/h4>\n<div class=\"pt-cv-content\">\u00a0 \u00a0 Sentencia T-594\/01 \u00a0 LEGITIMACION POR ACTIVA DEL SINDICATO-Representantes sindicales \u00a0 SUBSIDIO FAMILIAR-Improcedencia de tutela por falta de prueba de afectaci\u00f3n del m\u00ednimo vital \u00a0 -Reiteraci\u00f3n de Jurisprudencia- \u00a0 Referencia: expediente T-425771 \u00a0 Acci\u00f3n de tutela instaurada por el presidente del sindicato \u00a0 \u00a0de \u00a0 \u00a0 municipios \u00a0 \u00a0 \u00a0de \u00a0 \u00a0 \u00a0Caldas \u00a0 \u00a0 -Seccional La Dorada- contra la Alcald\u00eda Municipal La Dorada -Caldas-. \u00a0 Magistrado Ponente: \u00a0 Dr. ALVARO TAFUR GALVIS. \u00a0 Bogot\u00e1, D. C., siete (7) de junio del a\u00f1o dos mil uno (2001). \u00a0 La Sala Octava de Revisi\u00f3n de la Corte Constitucional en ejercicio ...<br \/><div class=\"pt-cv-rmwrap\"><a href=\"https:\/\/www.dmsjuridica.com\/buscador_20179478954\/corteconstitucionalcronologico202454587\/t-594-01\/\" class=\"_self pt-cv-readmore btn btn-success\" target=\"_self\">Ver Sentencia Completa...<\/a><\/div><\/div><\/div><\/div>\n<div class=\"col-md-12 col-sm-12 col-xs-12 pt-cv-content-item pt-cv-1-col\" ><div class='pt-cv-ifield'><a href=\"https:\/\/www.dmsjuridica.com\/buscador_20179478954\/corteconstitucionalcronologico202454587\/t-593-01\/\" class=\"_self pt-cv-href-thumbnail pt-cv-thumb-default\" target=\"_self\" ><\/a>\n<div class=\"pt-cv-taxoterm above_title\"><a href='https:\/\/www.dmsjuridica.com\/buscador_20179478954\/corteconstitucionalcronologico202454587\/category\/buscar-en-toda-la-corte\/2001\/tutelas-2001\/' title='Tutelas 2001' class='pt-cv-tax-tutelas-2001'>Tutelas 2001<\/a><\/div>\n<h4 class=\"pt-cv-title\"><a href=\"https:\/\/www.dmsjuridica.com\/buscador_20179478954\/corteconstitucionalcronologico202454587\/t-593-01\/\" class=\"_self\" target=\"_self\" >T-593-01<\/a><\/h4>\n<div class=\"pt-cv-content\">\u00a0 \u00a0 Sentencia T-593\/01 \u00a0 ACCION DE TUTELA-Procedencia excepcional pago de acreencias laborales \u00a0 DERECHO A LA SUBSISTENCIA-Retribuci\u00f3n salarial \u00a0 DERECHO AL MINIMO VITAL-Pago oportuno de salarios \u00a0 Referencia: expediente T-424017 \u00a0 Acci\u00f3n de Tutela incoada por Mar\u00eda Margoth Turizo Mart\u00ednez contra la E.S.E Hospital La Candelaria de El Banco, Magdalena. \u00a0 Magistrado Ponente\u00a0: \u00a0 Dr. ALVARO TAFUR GALVIS \u00a0 Bogot\u00e1 D.C., junio siete (7) de dos mil uno (2001). \u00a0 La Sala Octava de Revisi\u00f3n de Tutelas de la Corte Constitucional, compuesta por los Magistrados, Alvaro Tafur Galvis, Clara In\u00e9s Vargas Hern\u00e1ndez y Jaime Ara\u00fajo Renter\u00eda, en ejercicio de ...<br \/><div class=\"pt-cv-rmwrap\"><a href=\"https:\/\/www.dmsjuridica.com\/buscador_20179478954\/corteconstitucionalcronologico202454587\/t-593-01\/\" class=\"_self pt-cv-readmore btn btn-success\" target=\"_self\">Ver Sentencia Completa...<\/a><\/div><\/div><\/div><\/div>\n<div class=\"col-md-12 col-sm-12 col-xs-12 pt-cv-content-item pt-cv-1-col\" ><div class='pt-cv-ifield'><a href=\"https:\/\/www.dmsjuridica.com\/buscador_20179478954\/corteconstitucionalcronologico202454587\/t-592-01\/\" class=\"_self pt-cv-href-thumbnail pt-cv-thumb-default\" target=\"_self\" ><\/a>\n<div class=\"pt-cv-taxoterm above_title\"><a href='https:\/\/www.dmsjuridica.com\/buscador_20179478954\/corteconstitucionalcronologico202454587\/category\/buscar-en-toda-la-corte\/2001\/tutelas-2001\/' title='Tutelas 2001' class='pt-cv-tax-tutelas-2001'>Tutelas 2001<\/a><\/div>\n<h4 class=\"pt-cv-title\"><a href=\"https:\/\/www.dmsjuridica.com\/buscador_20179478954\/corteconstitucionalcronologico202454587\/t-592-01\/\" class=\"_self\" target=\"_self\" >T-592-01<\/a><\/h4>\n<div class=\"pt-cv-content\">\u00a0 \u00a0 Sentencia T-592\/01 \u00a0 ACCION DE TUTELA-Procedencia excepcional pago de salarios\/DERECHO AL MINIMO VITAL DEL TRABAJADOR-Pago oportuno de salarios \u00a0 DERECHO AL MINIMO VITAL-Prueba de la amenaza\u00a0 \u00a0 MUNICIPIO-Situaci\u00f3n econ\u00f3mica o presupuestal no es \u00f3bice para desconocer obligaciones laborales \u00a0 Referencia: \u00a0expediente T-420.148. \u00a0 Acci\u00f3n de tutela de Diana Mabel Valencia Orozco, contra el Municipio de Belalc\u00e1zar (Caldas). \u00a0 Magistrado Ponente \u00a0 Dr. ALVARO TAFUR GALVIS \u00a0 Bogot\u00e1, D.C., siete (7) de junio del a\u00f1o dos mil uno (2001). \u00a0 \u00a0 \u00a0 \u00a0 I. ANTECEDENTES. \u00a0 \u00a0 Mediante escrito dirigido el d\u00eda 18 de octubre de 2000 al Tribunal ...<br \/><div class=\"pt-cv-rmwrap\"><a href=\"https:\/\/www.dmsjuridica.com\/buscador_20179478954\/corteconstitucionalcronologico202454587\/t-592-01\/\" class=\"_self pt-cv-readmore btn btn-success\" target=\"_self\">Ver Sentencia Completa...<\/a><\/div><\/div><\/div><\/div>\n<div class=\"col-md-12 col-sm-12 col-xs-12 pt-cv-content-item pt-cv-1-col\" ><div class='pt-cv-ifield'><a href=\"https:\/\/www.dmsjuridica.com\/buscador_20179478954\/corteconstitucionalcronologico202454587\/t-591-01\/\" class=\"_self pt-cv-href-thumbnail pt-cv-thumb-default\" target=\"_self\" ><\/a>\n<div class=\"pt-cv-taxoterm above_title\"><a href='https:\/\/www.dmsjuridica.com\/buscador_20179478954\/corteconstitucionalcronologico202454587\/category\/buscar-en-toda-la-corte\/2001\/tutelas-2001\/' title='Tutelas 2001' class='pt-cv-tax-tutelas-2001'>Tutelas 2001<\/a><\/div>\n<h4 class=\"pt-cv-title\"><a href=\"https:\/\/www.dmsjuridica.com\/buscador_20179478954\/corteconstitucionalcronologico202454587\/t-591-01\/\" class=\"_self\" target=\"_self\" >T-591-01<\/a><\/h4>\n<div class=\"pt-cv-content\">\u00a0 \u00a0 Sentencia T-591\/01 \u00a0 DERECHO DE PETICION-Pronta resoluci\u00f3n \u00a0 DERECHO DE PETICION-No conlleva respuesta favorable a la solicitud \u00a0 BONOS PENSIONALES-Expedici\u00f3n y emisi\u00f3n \u00a0 -Reiteraci\u00f3n de Jurisprudencia- \u00a0 Referencia: expediente T-421756 \u00a0 Acci\u00f3n de tutela instaurada por H\u00e9ctor P\u00e9rez Garay contra la Oficina de Bonos Pensionales del Ministerio de Hacienda y Cr\u00e9dito P\u00fablico y COLFONDOS -Pensiones y Cesant\u00edas-. \u00a0 Magistrado Ponente: \u00a0 Dr. ALVARO TAFUR GALVIS. \u00a0 Bogot\u00e1, D. C., siete (7) de junio del a\u00f1o dos mil uno (2001). \u00a0 La Sala Octava de Revisi\u00f3n de la Corte Constitucional, en ejercicio de sus competencias constitucionales y legales, en ...<br \/><div class=\"pt-cv-rmwrap\"><a href=\"https:\/\/www.dmsjuridica.com\/buscador_20179478954\/corteconstitucionalcronologico202454587\/t-591-01\/\" class=\"_self pt-cv-readmore btn btn-success\" target=\"_self\">Ver Sentencia Completa...<\/a><\/div><\/div><\/div><\/div>\n<div class=\"col-md-12 col-sm-12 col-xs-12 pt-cv-content-item pt-cv-1-col\" ><div class='pt-cv-ifield'><a href=\"https:\/\/www.dmsjuridica.com\/buscador_20179478954\/corteconstitucionalcronologico202454587\/t-590-01\/\" class=\"_self pt-cv-href-thumbnail pt-cv-thumb-default\" target=\"_self\" ><\/a>\n<div class=\"pt-cv-taxoterm above_title\"><a href='https:\/\/www.dmsjuridica.com\/buscador_20179478954\/corteconstitucionalcronologico202454587\/category\/buscar-en-toda-la-corte\/2001\/tutelas-2001\/' title='Tutelas 2001' class='pt-cv-tax-tutelas-2001'>Tutelas 2001<\/a><\/div>\n<h4 class=\"pt-cv-title\"><a href=\"https:\/\/www.dmsjuridica.com\/buscador_20179478954\/corteconstitucionalcronologico202454587\/t-590-01\/\" class=\"_self\" target=\"_self\" >T-590-01<\/a><\/h4>\n<div class=\"pt-cv-content\">\u00a0 \u00a0 Sentencia T-590\/01 \u00a0 ACCION DE TUTELA-Subsidiariedad\/ACCION DE TUTELA-Improcedencia general pago de acreencias laborales \u00a0 MEDIO DE DEFENSA JUDICIAL-Pago de licencia por enfermedad \u00a0 Reiteraci\u00f3n de Jurisprudencia \u00a0 Acci\u00f3n de tutela instaurada por Blanca Ruby Rodr\u00edguez Posada contra el Instituto de Seguro Social y la Compa\u00f1\u00eda Manufacturera Manisol S.A.. \u00a0 \u00a0 \u00a0 Magistrado Ponente:\u00a0 \u00a0 Dr. ALVARO TAFUR GALVIS \u00a0 Bogot\u00e1, D.C., a los siete (7) d\u00edas del mes de junio de dos mil uno (2001). \u00a0 La Sala Octava de Revisi\u00f3n de la Corte Constitucional, integrada por los Magistrados, Alvaro Tafur Galvis, Clara In\u00e9s Vargas Hern\u00e1ndez y Jaime ...<br \/><div class=\"pt-cv-rmwrap\"><a href=\"https:\/\/www.dmsjuridica.com\/buscador_20179478954\/corteconstitucionalcronologico202454587\/t-590-01\/\" class=\"_self pt-cv-readmore btn btn-success\" target=\"_self\">Ver Sentencia Completa...<\/a><\/div><\/div><\/div><\/div>\n<div class=\"col-md-12 col-sm-12 col-xs-12 pt-cv-content-item pt-cv-1-col\" ><div class='pt-cv-ifield'><a href=\"https:\/\/www.dmsjuridica.com\/buscador_20179478954\/corteconstitucionalcronologico202454587\/t-589-01\/\" class=\"_self pt-cv-href-thumbnail pt-cv-thumb-default\" target=\"_self\" ><\/a>\n<div class=\"pt-cv-taxoterm above_title\"><a href='https:\/\/www.dmsjuridica.com\/buscador_20179478954\/corteconstitucionalcronologico202454587\/category\/buscar-en-toda-la-corte\/2001\/tutelas-2001\/' title='Tutelas 2001' class='pt-cv-tax-tutelas-2001'>Tutelas 2001<\/a><\/div>\n<h4 class=\"pt-cv-title\"><a href=\"https:\/\/www.dmsjuridica.com\/buscador_20179478954\/corteconstitucionalcronologico202454587\/t-589-01\/\" class=\"_self\" target=\"_self\" >T-589-01<\/a><\/h4>\n<div class=\"pt-cv-content\">\u00a0 \u00a0 Sentencia T-589\/01 \u00a0 ACCION DE TUTELA-Hecho superado por reintegro al cargo \u00a0 Reiteraci\u00f3n de Jurisprudencia \u00a0 Referencia: expediente T- 375322 \u00a0 Acci\u00f3n de tutela instaurada por Eyla Esther Linares Sanjuanelo contra la E.S.E. del Hospital La Candelaria de El Banco - Magdalena. \u00a0 Magistrado Ponente: \u00a0 Dr. ALVARO TAFUR GALVIS \u00a0 Bogot\u00e1, D.C. junio siete (7) de dos mil uno (2001). \u00a0 La Sala Octava de Revisi\u00f3n de la Corte Constitucional, en ejercicio de sus competencias constitucionales y legales, en particular las contenidas en los art\u00edculos 86 y 241, numeral 9, de la Constituci\u00f3n y en el Decreto ...<br \/><div class=\"pt-cv-rmwrap\"><a href=\"https:\/\/www.dmsjuridica.com\/buscador_20179478954\/corteconstitucionalcronologico202454587\/t-589-01\/\" class=\"_self pt-cv-readmore btn btn-success\" target=\"_self\">Ver Sentencia Completa...<\/a><\/div><\/div><\/div><\/div>\n<div class=\"col-md-12 col-sm-12 col-xs-12 pt-cv-content-item pt-cv-1-col\" ><div class='pt-cv-ifield'><a href=\"https:\/\/www.dmsjuridica.com\/buscador_20179478954\/corteconstitucionalcronologico202454587\/t-588-01\/\" class=\"_self pt-cv-href-thumbnail pt-cv-thumb-default\" target=\"_self\" ><\/a>\n<div class=\"pt-cv-taxoterm above_title\"><a href='https:\/\/www.dmsjuridica.com\/buscador_20179478954\/corteconstitucionalcronologico202454587\/category\/buscar-en-toda-la-corte\/2001\/tutelas-2001\/' title='Tutelas 2001' class='pt-cv-tax-tutelas-2001'>Tutelas 2001<\/a><\/div>\n<h4 class=\"pt-cv-title\"><a href=\"https:\/\/www.dmsjuridica.com\/buscador_20179478954\/corteconstitucionalcronologico202454587\/t-588-01\/\" class=\"_self\" target=\"_self\" >T-588-01<\/a><\/h4>\n<div class=\"pt-cv-content\">\u00a0 \u00a0 Sentencia T-588\/01 \u00a0 DERECHO A LA SALUD DEL NI\u00d1O-Suministro de ventilador para poder respirar \u00a0 La decisi\u00f3n del Seguro Social, pretende dilatar un procedimiento que es vital para la calidad de vida del paciente, bajo el argumento de que primero se debe realizar una petici\u00f3n respetuosa, argument\u00f3 que como ya se dijo, carece de fundamento, pues a pesar de que la entidad, 1) conoce la enfermedad del paciente, 2) manifiesta que se trata de una insuficiencia respiratoria dependiente de un ventilador, y 3) remiti\u00f3 al ni\u00f1o a la unidad de cuidados intensivos del Hospital, no le otorga la ...<br \/><div class=\"pt-cv-rmwrap\"><a href=\"https:\/\/www.dmsjuridica.com\/buscador_20179478954\/corteconstitucionalcronologico202454587\/t-588-01\/\" class=\"_self pt-cv-readmore btn btn-success\" target=\"_self\">Ver Sentencia Completa...<\/a><\/div><\/div><\/div><\/div>\n<div class=\"col-md-12 col-sm-12 col-xs-12 pt-cv-content-item pt-cv-1-col\" ><div class='pt-cv-ifield'><a href=\"https:\/\/www.dmsjuridica.com\/buscador_20179478954\/corteconstitucionalcronologico202454587\/t-587-01\/\" class=\"_self pt-cv-href-thumbnail pt-cv-thumb-default\" target=\"_self\" ><\/a>\n<div class=\"pt-cv-taxoterm above_title\"><a href='https:\/\/www.dmsjuridica.com\/buscador_20179478954\/corteconstitucionalcronologico202454587\/category\/buscar-en-toda-la-corte\/2001\/tutelas-2001\/' title='Tutelas 2001' class='pt-cv-tax-tutelas-2001'>Tutelas 2001<\/a><\/div>\n<h4 class=\"pt-cv-title\"><a href=\"https:\/\/www.dmsjuridica.com\/buscador_20179478954\/corteconstitucionalcronologico202454587\/t-587-01\/\" class=\"_self\" target=\"_self\" >T-587-01<\/a><\/h4>\n<div class=\"pt-cv-content\">\u00a0 \u00a0 Sentencia T-587\/01 \u00a0 DERECHO DE PARTICIPACION DE LA COMUNIDAD EDUCATIVA UNIVERSITARIA EN LA ELECCION DE SUS DIRECTIVAS-Elecci\u00f3n y nombramiento de Director de Escuela de Derecho de Universidad \u00a0 La Sala ordenar\u00e1 que en la elecci\u00f3n y nombramiento de Director de la Escuela de Derecho y Ciencia Pol\u00edtica, si no se ha hecho en la forma indicada en esta providencia, es decir, que satisfaga el derecho de participaci\u00f3n de la comunidad universitaria, las directivas, el Rector y los profesores, se comprometan en que al abrir los espacios de participaci\u00f3n en la designaci\u00f3n de tal Director, las decisiones que se ...<br \/><div class=\"pt-cv-rmwrap\"><a href=\"https:\/\/www.dmsjuridica.com\/buscador_20179478954\/corteconstitucionalcronologico202454587\/t-587-01\/\" class=\"_self pt-cv-readmore btn btn-success\" target=\"_self\">Ver Sentencia Completa...<\/a><\/div><\/div><\/div><\/div>\n<div class=\"col-md-12 col-sm-12 col-xs-12 pt-cv-content-item pt-cv-1-col\" ><div class='pt-cv-ifield'><a href=\"https:\/\/www.dmsjuridica.com\/buscador_20179478954\/corteconstitucionalcronologico202454587\/t-578-01\/\" class=\"_self pt-cv-href-thumbnail pt-cv-thumb-default\" target=\"_self\" ><\/a>\n<div class=\"pt-cv-taxoterm above_title\"><a href='https:\/\/www.dmsjuridica.com\/buscador_20179478954\/corteconstitucionalcronologico202454587\/category\/buscar-en-toda-la-corte\/2001\/tutelas-2001\/' title='Tutelas 2001' class='pt-cv-tax-tutelas-2001'>Tutelas 2001<\/a><\/div>\n<h4 class=\"pt-cv-title\"><a href=\"https:\/\/www.dmsjuridica.com\/buscador_20179478954\/corteconstitucionalcronologico202454587\/t-578-01\/\" class=\"_self\" target=\"_self\" >T-578-01<\/a><\/h4>\n<div class=\"pt-cv-content\">\u00a0 \u00a0 Sentencia T-578\/01 \u00a0 JUEZ ORDINARIO-Competencia para garantizar derechos a usuarios del sistema UPAC \u00a0 PERJUICIO IRREMEDIABLE-Alcance \u00a0 PERJUICIO IRREMEDIABLE-Inexistencia por cuanto el inmueble objeto de la daci\u00f3n en pago ya sali\u00f3 de su patrimonio\u00a0 \u00a0 No estima La Corte \u00a0que los accionantes en el presente caso est\u00e9n expuestos a sufrir un perjuicio irremediable, \u00a0debido a que el bien inmueble objeto de la daci\u00f3n en pago \u00a0ya sali\u00f3 de su patrimonio, es un hecho ya consumado y por ello no le queda \u00a0otra opci\u00f3n \u00a0que acudir a la intervenci\u00f3n del juez que controla la legalidad, para la reparaci\u00f3n integral ...<br \/><div class=\"pt-cv-rmwrap\"><a href=\"https:\/\/www.dmsjuridica.com\/buscador_20179478954\/corteconstitucionalcronologico202454587\/t-578-01\/\" class=\"_self pt-cv-readmore btn btn-success\" target=\"_self\">Ver Sentencia Completa...<\/a><\/div><\/div><\/div><\/div>\n<div class=\"col-md-12 col-sm-12 col-xs-12 pt-cv-content-item pt-cv-1-col\" ><div class='pt-cv-ifield'><a href=\"https:\/\/www.dmsjuridica.com\/buscador_20179478954\/corteconstitucionalcronologico202454587\/t-577-01\/\" class=\"_self pt-cv-href-thumbnail pt-cv-thumb-default\" target=\"_self\" ><\/a>\n<div class=\"pt-cv-taxoterm above_title\"><a href='https:\/\/www.dmsjuridica.com\/buscador_20179478954\/corteconstitucionalcronologico202454587\/category\/buscar-en-toda-la-corte\/2001\/tutelas-2001\/' title='Tutelas 2001' class='pt-cv-tax-tutelas-2001'>Tutelas 2001<\/a><\/div>\n<h4 class=\"pt-cv-title\"><a href=\"https:\/\/www.dmsjuridica.com\/buscador_20179478954\/corteconstitucionalcronologico202454587\/t-577-01\/\" class=\"_self\" target=\"_self\" >T-577-01<\/a><\/h4>\n<div class=\"pt-cv-content\">\u00a0 \u00a0 Sentencia T-577\/01 \u00a0 DERECHO A LA SALUD-Cirug\u00eda de mamoplastia reductora \u00a0 Reiteraci\u00f3n de Jurisprudencia \u00a0 Referencia: expediente T-422155 \u00a0 Acci\u00f3n de tutela instaurada por Rosalba Stella Henao Gaviria contra SaludCoop E.P.S. \u00a0 Magistrado Ponente: \u00a0 Dr. RODRIGO ESCOBAR GIL \u00a0 Bogot\u00e1, D.C., junio primero (1) de dos mil uno (2001). \u00a0 SENTENCIA \u00a0 \u00a0 \u00a0 \u00a0 I. ANTECEDENTES \u00a0 \u00a0 La se\u00f1ora Rosalba Stella Henao Gaviria interpuso acci\u00f3n de tutela contra SaludCoop E.P.S. por considerar vulnerados sus derechos fundamentales a la salud, a la vida y a la seguridad social en raz\u00f3n a que no se le ha ...<br \/><div class=\"pt-cv-rmwrap\"><a href=\"https:\/\/www.dmsjuridica.com\/buscador_20179478954\/corteconstitucionalcronologico202454587\/t-577-01\/\" class=\"_self pt-cv-readmore btn btn-success\" target=\"_self\">Ver Sentencia Completa...<\/a><\/div><\/div><\/div><\/div>\n<div class=\"col-md-12 col-sm-12 col-xs-12 pt-cv-content-item pt-cv-1-col\" ><div class='pt-cv-ifield'><a href=\"https:\/\/www.dmsjuridica.com\/buscador_20179478954\/corteconstitucionalcronologico202454587\/t-576-01\/\" class=\"_self pt-cv-href-thumbnail pt-cv-thumb-default\" target=\"_self\" ><\/a>\n<div class=\"pt-cv-taxoterm above_title\"><a href='https:\/\/www.dmsjuridica.com\/buscador_20179478954\/corteconstitucionalcronologico202454587\/category\/buscar-en-toda-la-corte\/2001\/tutelas-2001\/' title='Tutelas 2001' class='pt-cv-tax-tutelas-2001'>Tutelas 2001<\/a><\/div>\n<h4 class=\"pt-cv-title\"><a href=\"https:\/\/www.dmsjuridica.com\/buscador_20179478954\/corteconstitucionalcronologico202454587\/t-576-01\/\" class=\"_self\" target=\"_self\" >T-576-01<\/a><\/h4>\n<div class=\"pt-cv-content\">ACCION DE TUTELA-Hecho superado por pago de acreencias laborales \u00a0 Reiteraci\u00f3n de Jurisprudencia \u00a0 Referencia: expediente T-408337 \u00a0 Acci\u00f3n de tutela instaurada por Ana Luc\u00eda Tocora Yi contra el Departamento del Magdalena. \u00a0 Magistrado Ponente: \u00a0 Dr. RODRIGO ESCOBAR GIL \u00a0 Bogot\u00e1, D.C., junio primero (1) de dos mil uno (2001). \u00a0 La Sala Quinta de la Corte Constitucional, en ejercicio de sus competencias constitucionales y legales, en particular las contenidas en los art\u00edculos 86 y 241, numeral 9, de la Constituci\u00f3n y el Decreto 2591 de 1991, dentro del proceso de revisi\u00f3n de los fallos proferidos por el Juzgado ...<br \/><div class=\"pt-cv-rmwrap\"><a href=\"https:\/\/www.dmsjuridica.com\/buscador_20179478954\/corteconstitucionalcronologico202454587\/t-576-01\/\" class=\"_self pt-cv-readmore btn btn-success\" target=\"_self\">Ver Sentencia Completa...<\/a><\/div><\/div><\/div><\/div>\n<div class=\"col-md-12 col-sm-12 col-xs-12 pt-cv-content-item pt-cv-1-col\" ><div class='pt-cv-ifield'><a href=\"https:\/\/www.dmsjuridica.com\/buscador_20179478954\/corteconstitucionalcronologico202454587\/t-575-01\/\" class=\"_self pt-cv-href-thumbnail pt-cv-thumb-default\" target=\"_self\" ><\/a>\n<div class=\"pt-cv-taxoterm above_title\"><a href='https:\/\/www.dmsjuridica.com\/buscador_20179478954\/corteconstitucionalcronologico202454587\/category\/buscar-en-toda-la-corte\/2001\/tutelas-2001\/' title='Tutelas 2001' class='pt-cv-tax-tutelas-2001'>Tutelas 2001<\/a><\/div>\n<h4 class=\"pt-cv-title\"><a href=\"https:\/\/www.dmsjuridica.com\/buscador_20179478954\/corteconstitucionalcronologico202454587\/t-575-01\/\" class=\"_self\" target=\"_self\" >T-575-01<\/a><\/h4>\n<div class=\"pt-cv-content\">\u00a0 \u00a0 Sentencia T-575\/01 \u00a0 DERECHO AL MINIMO VITAL DEL TRABAJADOR-Pago oportuno de salarios \u00a0 -Reiteraci\u00f3n de Jurisprudencia- \u00a0 Referencia: expedientes T-427330; \u00a0 T-427331 \u00a0 y \u00a0 \u00a0T-427332. \u00a0 Acciones de tutela instauradas por Sagia Felaifel Quiroz, Dorfelina Serpa de Cabas y Alberto Su\u00e1rez Barrientos. \u00a0 Magistrado Ponente: \u00a0 Dr. RODRIGO ESCOBAR GIL. \u00a0 Bogot\u00e1, D. C., primero (1\u00ba) de junio del a\u00f1o dos mil uno (2001). \u00a0 La Sala Quinta de Revisi\u00f3n de la Corte Constitucional, en ejercicio de sus competencias constitucionales y legales, en particular las contenidas en los art\u00edculos 86 y 241, numeral 9, de la Constituci\u00f3n ...<br \/><div class=\"pt-cv-rmwrap\"><a href=\"https:\/\/www.dmsjuridica.com\/buscador_20179478954\/corteconstitucionalcronologico202454587\/t-575-01\/\" class=\"_self pt-cv-readmore btn btn-success\" target=\"_self\">Ver Sentencia Completa...<\/a><\/div><\/div><\/div><\/div>\n<div class=\"col-md-12 col-sm-12 col-xs-12 pt-cv-content-item pt-cv-1-col\" ><div class='pt-cv-ifield'><a href=\"https:\/\/www.dmsjuridica.com\/buscador_20179478954\/corteconstitucionalcronologico202454587\/t-574-01\/\" class=\"_self pt-cv-href-thumbnail pt-cv-thumb-default\" target=\"_self\" ><\/a>\n<div class=\"pt-cv-taxoterm above_title\"><a href='https:\/\/www.dmsjuridica.com\/buscador_20179478954\/corteconstitucionalcronologico202454587\/category\/buscar-en-toda-la-corte\/2001\/tutelas-2001\/' title='Tutelas 2001' class='pt-cv-tax-tutelas-2001'>Tutelas 2001<\/a><\/div>\n<h4 class=\"pt-cv-title\"><a href=\"https:\/\/www.dmsjuridica.com\/buscador_20179478954\/corteconstitucionalcronologico202454587\/t-574-01\/\" class=\"_self\" target=\"_self\" >T-574-01<\/a><\/h4>\n<div class=\"pt-cv-content\">\u00a0 \u00a0 Sentencia T-574\/01 \u00a0 DERECHO DE PETICION EN VIA GUBERNATIVA-Resoluci\u00f3n de recursos \u00a0 DERECHO DE PETICION FRENTE AL SILENCIO ADMINISTRATIVO NEGATIVO-Deber de resolver la solicitud \u00a0 Referencia: expediente T-434356 \u00a0 Acci\u00f3n de tutela interpuesta por Celia Rosa V\u00e9lez Ram\u00edrez contra la Caja Nacional de Previsi\u00f3n Social \u00a0 Magistrado Ponente: \u00a0 Dr. JAIME C\u00d3RDOBA TRIVI\u00d1O \u00a0 Bogot\u00e1, D.C., primero (1) de junio de dos mil uno (2001). \u00a0 La Sala Cuarta de Revisi\u00f3n de la Corte Constitucional, en ejercicio de sus competencias constitucionales y legales, espec\u00edficamente las previstas en los art\u00edculos 86 y 241, numeral 9, de la Constituci\u00f3n Pol\u00edtica ...<br \/><div class=\"pt-cv-rmwrap\"><a href=\"https:\/\/www.dmsjuridica.com\/buscador_20179478954\/corteconstitucionalcronologico202454587\/t-574-01\/\" class=\"_self pt-cv-readmore btn btn-success\" target=\"_self\">Ver Sentencia Completa...<\/a><\/div><\/div><\/div><\/div>\n<div class=\"col-md-12 col-sm-12 col-xs-12 pt-cv-content-item pt-cv-1-col\" ><div class='pt-cv-ifield'><a href=\"https:\/\/www.dmsjuridica.com\/buscador_20179478954\/corteconstitucionalcronologico202454587\/t-573-01\/\" class=\"_self pt-cv-href-thumbnail pt-cv-thumb-default\" target=\"_self\" ><\/a>\n<div class=\"pt-cv-taxoterm above_title\"><a href='https:\/\/www.dmsjuridica.com\/buscador_20179478954\/corteconstitucionalcronologico202454587\/category\/buscar-en-toda-la-corte\/2001\/tutelas-2001\/' title='Tutelas 2001' class='pt-cv-tax-tutelas-2001'>Tutelas 2001<\/a><\/div>\n<h4 class=\"pt-cv-title\"><a href=\"https:\/\/www.dmsjuridica.com\/buscador_20179478954\/corteconstitucionalcronologico202454587\/t-573-01\/\" class=\"_self\" target=\"_self\" >T-573-01<\/a><\/h4>\n<div class=\"pt-cv-content\">\u00a0 \u00a0 Sentencia T-573\/01 \u00a0 FALTA DE LEGITIMACION POR ACTIVA EN TUTELA \u00a0 Las condiciones que autorizan la agencia oficiosa para la interposici\u00f3n de la acci\u00f3n de tutela, han de ser apreciadas por el juez constitucional, en cada caso y de manera concreta, no s\u00f3lo para garantizar la adecuada y oportuna protecci\u00f3n de los derechos fundamentales, sino tambi\u00e9n para evitar que se acuda a este mecanismo cuando ello no resulta indispensable, o el presuntamente afectado no considera vulnerado o amenazado su derecho, o consider\u00e1ndolo as\u00ed, no quiere libremente reclamarlo, salvo, que se trate de menores, pues en ese evento corresponde ...<br \/><div class=\"pt-cv-rmwrap\"><a href=\"https:\/\/www.dmsjuridica.com\/buscador_20179478954\/corteconstitucionalcronologico202454587\/t-573-01\/\" class=\"_self pt-cv-readmore btn btn-success\" target=\"_self\">Ver Sentencia Completa...<\/a><\/div><\/div><\/div><\/div>\n<div class=\"col-md-12 col-sm-12 col-xs-12 pt-cv-content-item pt-cv-1-col\" ><div class='pt-cv-ifield'><a href=\"https:\/\/www.dmsjuridica.com\/buscador_20179478954\/corteconstitucionalcronologico202454587\/t-572-01\/\" class=\"_self pt-cv-href-thumbnail pt-cv-thumb-default\" target=\"_self\" ><\/a>\n<div class=\"pt-cv-taxoterm above_title\"><a href='https:\/\/www.dmsjuridica.com\/buscador_20179478954\/corteconstitucionalcronologico202454587\/category\/buscar-en-toda-la-corte\/2001\/tutelas-2001\/' title='Tutelas 2001' class='pt-cv-tax-tutelas-2001'>Tutelas 2001<\/a><\/div>\n<h4 class=\"pt-cv-title\"><a href=\"https:\/\/www.dmsjuridica.com\/buscador_20179478954\/corteconstitucionalcronologico202454587\/t-572-01\/\" class=\"_self\" target=\"_self\" >T-572-01<\/a><\/h4>\n<div class=\"pt-cv-content\">\u00a0 \u00a0 Sentencia \u00a0T-572\/01 \u00a0 MUJER EMBARAZADA-Estabilidad laboral\/MUJER EMBARAZADA-Protecci\u00f3n constitucional especial \u00a0 PERJUICIO IRREMEDIABLE-Protecci\u00f3n del m\u00ednimo vital de la madre y de su hijo \u00a0 MEDIO DE DEFENSA JUDICIAL-Pago de salarios y prestaciones sociales \u00a0 Referencia: expediente T-449.664 \u00a0 Acci\u00f3n de tutela presentada por Luz Enith Castilla Guerrero contra Alfredo Luis \u00a0Lambra\u00f1o Coronado. \u00a0 Magistrado Ponente:\u00a0 \u00a0 Dr. ALFREDO BELTR\u00c1N SIERRA \u00a0 Sentencia aprobada en Bogot\u00e1, en la sesi\u00f3n de la Sala Segunda de Revisi\u00f3n, del d\u00eda primero (1) \u00a0de junio de dos mil uno (2001). \u00a0 La Sala Segunda de Revisi\u00f3n de la Corte Constitucional, integrada por los magistrados ...<br \/><div class=\"pt-cv-rmwrap\"><a href=\"https:\/\/www.dmsjuridica.com\/buscador_20179478954\/corteconstitucionalcronologico202454587\/t-572-01\/\" class=\"_self pt-cv-readmore btn btn-success\" target=\"_self\">Ver Sentencia Completa...<\/a><\/div><\/div><\/div><\/div>\n<div class=\"col-md-12 col-sm-12 col-xs-12 pt-cv-content-item pt-cv-1-col\" ><div class='pt-cv-ifield'><a href=\"https:\/\/www.dmsjuridica.com\/buscador_20179478954\/corteconstitucionalcronologico202454587\/t-571-01\/\" class=\"_self pt-cv-href-thumbnail pt-cv-thumb-default\" target=\"_self\" ><\/a>\n<div class=\"pt-cv-taxoterm above_title\"><a href='https:\/\/www.dmsjuridica.com\/buscador_20179478954\/corteconstitucionalcronologico202454587\/category\/buscar-en-toda-la-corte\/2001\/tutelas-2001\/' title='Tutelas 2001' class='pt-cv-tax-tutelas-2001'>Tutelas 2001<\/a><\/div>\n<h4 class=\"pt-cv-title\"><a href=\"https:\/\/www.dmsjuridica.com\/buscador_20179478954\/corteconstitucionalcronologico202454587\/t-571-01\/\" class=\"_self\" target=\"_self\" >T-571-01<\/a><\/h4>\n<div class=\"pt-cv-content\">\u00a0 \u00a0 Sentencia T-571\/01 \u00a0 ENFERMEDADES CATASTROFICAS O RUINOSAS-Inicio de tratamiento por EPS sin cumplir periodo m\u00ednimo de cotizaci\u00f3n en caso de di\u00e1lisis \u00a0 Si bien es cierto, que la enfermedad que padece el actor considerada como catastr\u00f3fica o ruinosa, requiere de un m\u00ednimo de cien (100) semanas de cotizaci\u00f3n, para recibir el tratamiento de hemodi\u00e1lisis, el peticionario no cumple con este primer requisito, ya que s\u00f3lo ha cotizado 19 semanas. \u00a0Pero el tratamiento que debe recibir por la insuficiencia renal cr\u00f3nica que padece el actor, no puede ser reemplazado por otro que cumpla con las semanas de cotizaci\u00f3n establecidas ...<br \/><div class=\"pt-cv-rmwrap\"><a href=\"https:\/\/www.dmsjuridica.com\/buscador_20179478954\/corteconstitucionalcronologico202454587\/t-571-01\/\" class=\"_self pt-cv-readmore btn btn-success\" target=\"_self\">Ver Sentencia Completa...<\/a><\/div><\/div><\/div><\/div>\n<div class=\"col-md-12 col-sm-12 col-xs-12 pt-cv-content-item pt-cv-1-col\" ><div class='pt-cv-ifield'><a href=\"https:\/\/www.dmsjuridica.com\/buscador_20179478954\/corteconstitucionalcronologico202454587\/t-570-01\/\" class=\"_self pt-cv-href-thumbnail pt-cv-thumb-default\" target=\"_self\" ><\/a>\n<div class=\"pt-cv-taxoterm above_title\"><a href='https:\/\/www.dmsjuridica.com\/buscador_20179478954\/corteconstitucionalcronologico202454587\/category\/buscar-en-toda-la-corte\/2001\/tutelas-2001\/' title='Tutelas 2001' class='pt-cv-tax-tutelas-2001'>Tutelas 2001<\/a><\/div>\n<h4 class=\"pt-cv-title\"><a href=\"https:\/\/www.dmsjuridica.com\/buscador_20179478954\/corteconstitucionalcronologico202454587\/t-570-01\/\" class=\"_self\" target=\"_self\" >T-570-01<\/a><\/h4>\n<div class=\"pt-cv-content\">\u00a0 \u00a0 Sentencia T-570\/01 \u00a0 DERECHO DE PETICION-N\u00facleo esencial \u00a0 DERECHO DE PETICION-Pronta resoluci\u00f3n equivale a quince d\u00edas mientras legislador fija t\u00e9rmino distinto\/DERECHO DE PETICION ANTE EL SEGURO SOCIAL-Aplicaci\u00f3n anal\u00f3gica de t\u00e9rmino de cuatro meses para resolver reconocimiento de pensiones legales \u00a0 DERECHO DE PETICION FRENTE AL SILENCIO ADMINISTRATIVO NEGATIVO-Deber de resolver la solicitud \u00a0 Referencia: expediente T-408195 \u00a0 Acci\u00f3n de tutela incoada por Alba Arias de Alzate contra el Seguro Social, Seccional Cali \u00a0 Magistrado Ponente: \u00a0 Dr. JAIME C\u00d3RDOBA TRIVI\u00d1O \u00a0 Bogot\u00e1, D.C., primero (1) de junio de dos mil uno (2001). \u00a0 La Sala Cuarta de Revisi\u00f3n ...<br \/><div class=\"pt-cv-rmwrap\"><a href=\"https:\/\/www.dmsjuridica.com\/buscador_20179478954\/corteconstitucionalcronologico202454587\/t-570-01\/\" class=\"_self pt-cv-readmore btn btn-success\" target=\"_self\">Ver Sentencia Completa...<\/a><\/div><\/div><\/div><\/div>\n<div class=\"col-md-12 col-sm-12 col-xs-12 pt-cv-content-item pt-cv-1-col\" ><div class='pt-cv-ifield'><a href=\"https:\/\/www.dmsjuridica.com\/buscador_20179478954\/corteconstitucionalcronologico202454587\/t-569-01\/\" class=\"_self pt-cv-href-thumbnail pt-cv-thumb-default\" target=\"_self\" ><\/a>\n<div class=\"pt-cv-taxoterm above_title\"><a href='https:\/\/www.dmsjuridica.com\/buscador_20179478954\/corteconstitucionalcronologico202454587\/category\/buscar-en-toda-la-corte\/2001\/tutelas-2001\/' title='Tutelas 2001' class='pt-cv-tax-tutelas-2001'>Tutelas 2001<\/a><\/div>\n<h4 class=\"pt-cv-title\"><a href=\"https:\/\/www.dmsjuridica.com\/buscador_20179478954\/corteconstitucionalcronologico202454587\/t-569-01\/\" class=\"_self\" target=\"_self\" >T-569-01<\/a><\/h4>\n<div class=\"pt-cv-content\">\u00a0 \u00a0 Sentencia T-569\/01 \u00a0 PRECEDENTE JUDICIAL-Cambio por no darse iguales supuestos de hecho \u00a0 RAMA JUDICIAL-Requisitos para desempe\u00f1o de cargos despu\u00e9s de expedici\u00f3n de Ley Estatutaria \u00a0 En el presente caso se observa que el demandante, tal como lo indican los jueces de instancia, ingres\u00f3 a la rama judicial cuando ya se hab\u00eda expedido la Ley 270 de 1996, raz\u00f3n por la cual le eran exigibles las condiciones fijadas en ella, para ocupar el cargo. Resulta claro, por lo tanto, que se trata de una situaci\u00f3n f\u00e1ctica distinta y, por lo mismo, no le es aplicable la ratio decidendi ...<br \/><div class=\"pt-cv-rmwrap\"><a href=\"https:\/\/www.dmsjuridica.com\/buscador_20179478954\/corteconstitucionalcronologico202454587\/t-569-01\/\" class=\"_self pt-cv-readmore btn btn-success\" target=\"_self\">Ver Sentencia Completa...<\/a><\/div><\/div><\/div><\/div>\n<div class=\"col-md-12 col-sm-12 col-xs-12 pt-cv-content-item pt-cv-1-col\" ><div class='pt-cv-ifield'><a href=\"https:\/\/www.dmsjuridica.com\/buscador_20179478954\/corteconstitucionalcronologico202454587\/t-568-01\/\" class=\"_self pt-cv-href-thumbnail pt-cv-thumb-default\" target=\"_self\" ><\/a>\n<div class=\"pt-cv-taxoterm above_title\"><a href='https:\/\/www.dmsjuridica.com\/buscador_20179478954\/corteconstitucionalcronologico202454587\/category\/buscar-en-toda-la-corte\/2001\/tutelas-2001\/' title='Tutelas 2001' class='pt-cv-tax-tutelas-2001'>Tutelas 2001<\/a><\/div>\n<h4 class=\"pt-cv-title\"><a href=\"https:\/\/www.dmsjuridica.com\/buscador_20179478954\/corteconstitucionalcronologico202454587\/t-568-01\/\" class=\"_self\" target=\"_self\" >T-568-01<\/a><\/h4>\n<div class=\"pt-cv-content\">\u00a0 \u00a0 Sentencia T-568\/01 \u00a0 Referencia: expediente: T-422929 \u00a0 Acci\u00f3n de tutela instaurada por Consuelo V\u00e1rgas Peralta contra el Instituto de los Seguros Sociales, Seccional Santa Rosa de Viterbo. \u00a0 Magistrado ponente: \u00a0 Dr. EDUARDO MONTEALEGRE LYNETT \u00a0 Bogot\u00e1, D.C. mayo treinta y uno (31) de dos mil uno (2001). \u00a0 La Sala S\u00e9ptima de Revisi\u00f3n de la Corte Constitucional, integrada por los magistrados Eduardo Montealegre Lynett, Alvaro Tafur G\u00e1lvis y Clara In\u00e9s V\u00e1rgas Hern\u00e1ndez, en ejercicio de sus competencias constitucionales y legales, ha proferido la siguiente \u00a0 SENTENCIA \u00a0 dentro del proceso de revisi\u00f3n de los fallos adoptados por ...<br \/><div class=\"pt-cv-rmwrap\"><a href=\"https:\/\/www.dmsjuridica.com\/buscador_20179478954\/corteconstitucionalcronologico202454587\/t-568-01\/\" class=\"_self pt-cv-readmore btn btn-success\" target=\"_self\">Ver Sentencia Completa...<\/a><\/div><\/div><\/div><\/div>\n<div class=\"col-md-12 col-sm-12 col-xs-12 pt-cv-content-item pt-cv-1-col\" ><div class='pt-cv-ifield'><a href=\"https:\/\/www.dmsjuridica.com\/buscador_20179478954\/corteconstitucionalcronologico202454587\/t-567-01\/\" class=\"_self pt-cv-href-thumbnail pt-cv-thumb-default\" target=\"_self\" ><\/a>\n<div class=\"pt-cv-taxoterm above_title\"><a href='https:\/\/www.dmsjuridica.com\/buscador_20179478954\/corteconstitucionalcronologico202454587\/category\/buscar-en-toda-la-corte\/2001\/tutelas-2001\/' title='Tutelas 2001' class='pt-cv-tax-tutelas-2001'>Tutelas 2001<\/a><\/div>\n<h4 class=\"pt-cv-title\"><a href=\"https:\/\/www.dmsjuridica.com\/buscador_20179478954\/corteconstitucionalcronologico202454587\/t-567-01\/\" class=\"_self\" target=\"_self\" >T-567-01<\/a><\/h4>\n<div class=\"pt-cv-content\">\u00a0 \u00a0 Sentencia T-567\/01 \u00a0 ACCION DE TUTELA-Subsidiariedad \u00a0 ACCION DE TUTELA-Improcedencia para reconocimiento de derecho no definido por v\u00eda de autoridad \u00a0 En principio, la Acci\u00f3n de Tutela no es procedente para obtener el reconocimiento de un derecho cuya titularidad no ha sido definida por v\u00eda de autoridad. Ello, por cuanto el ordenamiento jur\u00eddico dispone de una completa serie de recursos y procedimientos para lograr ese fin, no siendo leg\u00edtimo que se acuda a una v\u00eda excepcional y urgente como la acci\u00f3n de tutela para perseguirlo. Admitir lo anterior conducir\u00eda, como m\u00ednimo, a que los jueces de tutela invadieran ...<br \/><div class=\"pt-cv-rmwrap\"><a href=\"https:\/\/www.dmsjuridica.com\/buscador_20179478954\/corteconstitucionalcronologico202454587\/t-567-01\/\" class=\"_self pt-cv-readmore btn btn-success\" target=\"_self\">Ver Sentencia Completa...<\/a><\/div><\/div><\/div><\/div>\n<div class=\"col-md-12 col-sm-12 col-xs-12 pt-cv-content-item pt-cv-1-col\" ><div class='pt-cv-ifield'><a href=\"https:\/\/www.dmsjuridica.com\/buscador_20179478954\/corteconstitucionalcronologico202454587\/t-566-01\/\" class=\"_self pt-cv-href-thumbnail pt-cv-thumb-default\" target=\"_self\" ><\/a>\n<div class=\"pt-cv-taxoterm above_title\"><a href='https:\/\/www.dmsjuridica.com\/buscador_20179478954\/corteconstitucionalcronologico202454587\/category\/buscar-en-toda-la-corte\/2001\/tutelas-2001\/' title='Tutelas 2001' class='pt-cv-tax-tutelas-2001'>Tutelas 2001<\/a><\/div>\n<h4 class=\"pt-cv-title\"><a href=\"https:\/\/www.dmsjuridica.com\/buscador_20179478954\/corteconstitucionalcronologico202454587\/t-566-01\/\" class=\"_self\" target=\"_self\" >T-566-01<\/a><\/h4>\n<div class=\"pt-cv-content\">\u00a0 \u00a0 Sentencia T-566\/01 \u00a0 ACCION DE TUTELA-Nueva presentaci\u00f3n por no existir pronunciamiento sobre la real pretensi\u00f3n \u00a0 En el presente caso no se actu\u00f3 de mala fe ya que a pesar de que hay similitud en los hechos de las dos tutelas presentadas, existi\u00f3 un motivo justificado para presentar la tutela en raz\u00f3n de que la jurisdicci\u00f3n constitucional no se hab\u00eda pronunciado sobre la real pretensi\u00f3n de la actora. Al no haberse resuelto la petici\u00f3n, el fallo del Juzgado no produjo efectos en lo referente al amparo del derecho a la salud.\u00a0 \u00a0 DERECHO A LA SALUD DEL ADOLESCENTE-Fundamental ...<br \/><div class=\"pt-cv-rmwrap\"><a href=\"https:\/\/www.dmsjuridica.com\/buscador_20179478954\/corteconstitucionalcronologico202454587\/t-566-01\/\" class=\"_self pt-cv-readmore btn btn-success\" target=\"_self\">Ver Sentencia Completa...<\/a><\/div><\/div><\/div><\/div>\n<div class=\"col-md-12 col-sm-12 col-xs-12 pt-cv-content-item pt-cv-1-col\" ><div class='pt-cv-ifield'><a href=\"https:\/\/www.dmsjuridica.com\/buscador_20179478954\/corteconstitucionalcronologico202454587\/t-565-01\/\" class=\"_self pt-cv-href-thumbnail pt-cv-thumb-default\" target=\"_self\" ><\/a>\n<div class=\"pt-cv-taxoterm above_title\"><a href='https:\/\/www.dmsjuridica.com\/buscador_20179478954\/corteconstitucionalcronologico202454587\/category\/buscar-en-toda-la-corte\/2001\/tutelas-2001\/' title='Tutelas 2001' class='pt-cv-tax-tutelas-2001'>Tutelas 2001<\/a><\/div>\n<h4 class=\"pt-cv-title\"><a href=\"https:\/\/www.dmsjuridica.com\/buscador_20179478954\/corteconstitucionalcronologico202454587\/t-565-01\/\" class=\"_self\" target=\"_self\" >T-565-01<\/a><\/h4>\n<div class=\"pt-cv-content\">\u00a0 \u00a0 Sentencia T-565\/01 \u00a0 DERECHO DE PETICION-Pronta resoluci\u00f3n \u00a0 DERECHO DE PETICION-Prueba \u00a0 Referencia: expediente: T-419569 \u00a0 Actores: Evaristo Mena \u00a0 Procedencia: Juzgado Tercero Civil Municipal de Riohacha \u00a0 Magistrado Ponente:\u00a0 \u00a0 Dr. MARCO GERARDO MONROY CABRA \u00a0 Bogot\u00e1 D.C., treinta y uno (31) de mayo de dos mil uno (2001) \u00a0 La Sala Sexta de la Corte Constitucional, integrada por los Magistrados doctores, Eduardo Montealegre Lynet, Alvaro Tafur Galvis y Marco Gerardo Monroy, quien la preside, en ejercicio de sus competencias constitucionales y legales han pronunciado la siguiente\u00a0 \u00a0 SENTENCIA \u00a0 En el proceso de tutela n\u00famero T-419569 ...<br \/><div class=\"pt-cv-rmwrap\"><a href=\"https:\/\/www.dmsjuridica.com\/buscador_20179478954\/corteconstitucionalcronologico202454587\/t-565-01\/\" class=\"_self pt-cv-readmore btn btn-success\" target=\"_self\">Ver Sentencia Completa...<\/a><\/div><\/div><\/div><\/div>\n<div class=\"col-md-12 col-sm-12 col-xs-12 pt-cv-content-item pt-cv-1-col\" ><div class='pt-cv-ifield'><a href=\"https:\/\/www.dmsjuridica.com\/buscador_20179478954\/corteconstitucionalcronologico202454587\/t-564-01\/\" class=\"_self pt-cv-href-thumbnail pt-cv-thumb-default\" target=\"_self\" ><\/a>\n<div class=\"pt-cv-taxoterm above_title\"><a href='https:\/\/www.dmsjuridica.com\/buscador_20179478954\/corteconstitucionalcronologico202454587\/category\/buscar-en-toda-la-corte\/2001\/tutelas-2001\/' title='Tutelas 2001' class='pt-cv-tax-tutelas-2001'>Tutelas 2001<\/a><\/div>\n<h4 class=\"pt-cv-title\"><a href=\"https:\/\/www.dmsjuridica.com\/buscador_20179478954\/corteconstitucionalcronologico202454587\/t-564-01\/\" class=\"_self\" target=\"_self\" >T-564-01<\/a><\/h4>\n<div class=\"pt-cv-content\">\u00a0 \u00a0 Sentencia T-564\/01 \u00a0 SENTENCIA DE REVISION DE TUTELA-Fallecimiento del enfermo \u00a0 Referencia: expediente T-399.584 \u00a0 Peticionarios: No\u00e9 de Jes\u00fas Mej\u00eda Cano \u00a0 Procedencia: Juzgado Primero Penal del Circuito de Tulu\u00e1 (Valle) \u00a0 Magistrado Ponente: \u00a0 Dr. MARCO GERARDO MONROY CABRA \u00a0 Bogot\u00e1, D.C., treintiuno (31) de mayo de dos mil uno (2001) \u00a0 La Sala Sexta de Revisi\u00f3n de tutelas de la Corte Constitucional, conformada por los magistrados Dr. Marco Gerardo Monroy Cabra, Eduardo Montealegre Lynett y Alvaro Tafur G\u00e1lvis, ha proferido la presente \u00a0 S E N T E N C I A \u00a0 en la revisi\u00f3n ...<br \/><div class=\"pt-cv-rmwrap\"><a href=\"https:\/\/www.dmsjuridica.com\/buscador_20179478954\/corteconstitucionalcronologico202454587\/t-564-01\/\" class=\"_self pt-cv-readmore btn btn-success\" target=\"_self\">Ver Sentencia Completa...<\/a><\/div><\/div><\/div><\/div>\n<div class=\"col-md-12 col-sm-12 col-xs-12 pt-cv-content-item pt-cv-1-col\" ><div class='pt-cv-ifield'><a href=\"https:\/\/www.dmsjuridica.com\/buscador_20179478954\/corteconstitucionalcronologico202454587\/t-563-01\/\" class=\"_self pt-cv-href-thumbnail pt-cv-thumb-default\" target=\"_self\" ><\/a>\n<div class=\"pt-cv-taxoterm above_title\"><a href='https:\/\/www.dmsjuridica.com\/buscador_20179478954\/corteconstitucionalcronologico202454587\/category\/buscar-en-toda-la-corte\/2001\/tutelas-2001\/' title='Tutelas 2001' class='pt-cv-tax-tutelas-2001'>Tutelas 2001<\/a><\/div>\n<h4 class=\"pt-cv-title\"><a href=\"https:\/\/www.dmsjuridica.com\/buscador_20179478954\/corteconstitucionalcronologico202454587\/t-563-01\/\" class=\"_self\" target=\"_self\" >T-563-01<\/a><\/h4>\n<div class=\"pt-cv-content\">\u00a0 \u00a0 Sentencia T-563\/01 \u00a0 SEGURO SOCIAL-T\u00e9rmino para resolver petici\u00f3n de reconocimiento de pensiones legales\/DERECHO DE PETICION ANTE EL SEGURO SOCIAL-Aplicaci\u00f3n anal\u00f3gica de t\u00e9rmino de cuatro meses para resolver reconocimiento de pensiones legales \u00a0 DERECHO DE PETICION-Pronta resoluci\u00f3n equivale a quince d\u00edas mientras legislador fija t\u00e9rmino distinto \u00a0 Reiteraci\u00f3n de Jurisprudencia \u00a0 Referencia: expediente T-427 850 \u00a0 Acci\u00f3n de tutela instaurada por Julio de Jes\u00fas Cardona, contra el Instituto de Seguros Sociales Seccional Antioquia. \u00a0 Magistrado Ponente: \u00a0 Dr. JAIME ARAUJO RENTERIA \u00a0 Bogot\u00e1 D. C., treinta y uno (31) de mayo del a\u00f1o dos mil uno (2001). \u00a0 La ...<br \/><div class=\"pt-cv-rmwrap\"><a href=\"https:\/\/www.dmsjuridica.com\/buscador_20179478954\/corteconstitucionalcronologico202454587\/t-563-01\/\" class=\"_self pt-cv-readmore btn btn-success\" target=\"_self\">Ver Sentencia Completa...<\/a><\/div><\/div><\/div><\/div>\n<div class=\"col-md-12 col-sm-12 col-xs-12 pt-cv-content-item pt-cv-1-col\" ><div class='pt-cv-ifield'><a href=\"https:\/\/www.dmsjuridica.com\/buscador_20179478954\/corteconstitucionalcronologico202454587\/t-562-01\/\" class=\"_self pt-cv-href-thumbnail pt-cv-thumb-default\" target=\"_self\" ><\/a>\n<div class=\"pt-cv-taxoterm above_title\"><a href='https:\/\/www.dmsjuridica.com\/buscador_20179478954\/corteconstitucionalcronologico202454587\/category\/buscar-en-toda-la-corte\/2001\/tutelas-2001\/' title='Tutelas 2001' class='pt-cv-tax-tutelas-2001'>Tutelas 2001<\/a><\/div>\n<h4 class=\"pt-cv-title\"><a href=\"https:\/\/www.dmsjuridica.com\/buscador_20179478954\/corteconstitucionalcronologico202454587\/t-562-01\/\" class=\"_self\" target=\"_self\" >T-562-01<\/a><\/h4>\n<div class=\"pt-cv-content\">\u00a0 \u00a0 Sentencia T-562\/01 \u00a0 ACCION DE TUTELA-Hecho superado por pago de acreencias laborales \u00a0 Reiteraci\u00f3n de Jurisprudencia \u00a0 Referencia: expediente T-424703 \u00a0 Acci\u00f3n de tutela instaurada por Mar\u00eda Susana del Pilar Garc\u00eda Norato contra el Departamento de Boyac\u00e1 - Instituto de Tr\u00e1nsito de Boyac\u00e1. \u00a0 Magistrado Ponente\u00a0:\u00a0 \u00a0 Dr. JAIME ARAUJO RENTERIA. \u00a0 Bogot\u00e1 D.C., treinta y uno ( 31) de mayo de dos mil uno (2.001). \u00a0 La Sala Primera de Revisi\u00f3n de la Corte Constitucional, en ejercicio de sus competencias constitucionales y legales, en particular las contenidas en los art\u00edculos 86 y 241, numeral 9, de la ...<br \/><div class=\"pt-cv-rmwrap\"><a href=\"https:\/\/www.dmsjuridica.com\/buscador_20179478954\/corteconstitucionalcronologico202454587\/t-562-01\/\" class=\"_self pt-cv-readmore btn btn-success\" target=\"_self\">Ver Sentencia Completa...<\/a><\/div><\/div><\/div><\/div>\n<div class=\"col-md-12 col-sm-12 col-xs-12 pt-cv-content-item pt-cv-1-col\" ><div class='pt-cv-ifield'><a href=\"https:\/\/www.dmsjuridica.com\/buscador_20179478954\/corteconstitucionalcronologico202454587\/t-561-01\/\" class=\"_self pt-cv-href-thumbnail pt-cv-thumb-default\" target=\"_self\" ><\/a>\n<div class=\"pt-cv-taxoterm above_title\"><a href='https:\/\/www.dmsjuridica.com\/buscador_20179478954\/corteconstitucionalcronologico202454587\/category\/buscar-en-toda-la-corte\/2001\/tutelas-2001\/' title='Tutelas 2001' class='pt-cv-tax-tutelas-2001'>Tutelas 2001<\/a><\/div>\n<h4 class=\"pt-cv-title\"><a href=\"https:\/\/www.dmsjuridica.com\/buscador_20179478954\/corteconstitucionalcronologico202454587\/t-561-01\/\" class=\"_self\" target=\"_self\" >T-561-01<\/a><\/h4>\n<div class=\"pt-cv-content\">\u00a0 \u00a0 Sentencia T-561\/01 \u00a0 VIA DE HECHO EN RESTITUCION DE INMUEBLE ARRENDADO-Improcedencia \u00a0 Para la Sala resulta evidente que dentro del plenario cursan pruebas suficientes sobre la existencia del contrato de arrendamiento celebrado en relaci\u00f3n con el inmueble materia del proceso de restituci\u00f3n, siendo partes en el mismo la arrendataria y el arrendador, contrato que despu\u00e9s fue cedido a la Sociedad, quien a su vez fuera la demandante en el proceso de restituci\u00f3n que luego censur\u00f3 la parte vencida en acci\u00f3n de tutela. Asimismo obra prueba clara y contundente sobre la identificaci\u00f3n del inmueble en cuesti\u00f3n, esto es, sobre ...<br \/><div class=\"pt-cv-rmwrap\"><a href=\"https:\/\/www.dmsjuridica.com\/buscador_20179478954\/corteconstitucionalcronologico202454587\/t-561-01\/\" class=\"_self pt-cv-readmore btn btn-success\" target=\"_self\">Ver Sentencia Completa...<\/a><\/div><\/div><\/div><\/div>\n<div class=\"col-md-12 col-sm-12 col-xs-12 pt-cv-content-item pt-cv-1-col\" ><div class='pt-cv-ifield'><a href=\"https:\/\/www.dmsjuridica.com\/buscador_20179478954\/corteconstitucionalcronologico202454587\/t-550-01\/\" class=\"_self pt-cv-href-thumbnail pt-cv-thumb-default\" target=\"_self\" ><\/a>\n<div class=\"pt-cv-taxoterm above_title\"><a href='https:\/\/www.dmsjuridica.com\/buscador_20179478954\/corteconstitucionalcronologico202454587\/category\/buscar-en-toda-la-corte\/2001\/tutelas-2001\/' title='Tutelas 2001' class='pt-cv-tax-tutelas-2001'>Tutelas 2001<\/a><\/div>\n<h4 class=\"pt-cv-title\"><a href=\"https:\/\/www.dmsjuridica.com\/buscador_20179478954\/corteconstitucionalcronologico202454587\/t-550-01\/\" class=\"_self\" target=\"_self\" >T-550-01<\/a><\/h4>\n<div class=\"pt-cv-content\">\u00a0 \u00a0 Sentencia T-550\/01 \u00a0 DERECHO A LA SUSTITUCION PENSIONAL DE MENOR DE EDAD-Protecci\u00f3n \u00a0 Cuando se habla de pensi\u00f3n, generalmente se relaciona con tercera edad o con incapacidad f\u00edsica o mental; de una u otra forma, el Estado debe asegurar su pago oportuno. \u00a0En el caso de la pensi\u00f3n de sustituci\u00f3n, quien adquiri\u00f3 ese derecho se encontraba bajo la dependencia econ\u00f3mica del pensionado y \u00e9ste, a su vez, ten\u00eda un derecho reconocido a esa prestaci\u00f3n social y producida la sustituci\u00f3n, es obvio que la entidad deudora tiene la obligaci\u00f3n de continuar con el pago oportuno, completo y regular a ...<br \/><div class=\"pt-cv-rmwrap\"><a href=\"https:\/\/www.dmsjuridica.com\/buscador_20179478954\/corteconstitucionalcronologico202454587\/t-550-01\/\" class=\"_self pt-cv-readmore btn btn-success\" target=\"_self\">Ver Sentencia Completa...<\/a><\/div><\/div><\/div><\/div>\n<div class=\"col-md-12 col-sm-12 col-xs-12 pt-cv-content-item pt-cv-1-col\" ><div class='pt-cv-ifield'><a href=\"https:\/\/www.dmsjuridica.com\/buscador_20179478954\/corteconstitucionalcronologico202454587\/t-549-01\/\" class=\"_self pt-cv-href-thumbnail pt-cv-thumb-default\" target=\"_self\" ><\/a>\n<div class=\"pt-cv-taxoterm above_title\"><a href='https:\/\/www.dmsjuridica.com\/buscador_20179478954\/corteconstitucionalcronologico202454587\/category\/buscar-en-toda-la-corte\/2001\/tutelas-2001\/' title='Tutelas 2001' class='pt-cv-tax-tutelas-2001'>Tutelas 2001<\/a><\/div>\n<h4 class=\"pt-cv-title\"><a href=\"https:\/\/www.dmsjuridica.com\/buscador_20179478954\/corteconstitucionalcronologico202454587\/t-549-01\/\" class=\"_self\" target=\"_self\" >T-549-01<\/a><\/h4>\n<div class=\"pt-cv-content\">\u00a0 \u00a0 Sentencia T-549\/01 \u00a0 DERECHO A LA SALUD DE PENSIONADOS DE LA FLOTA MERCANTE-Orden al liquidador y al Superintendente de Sociedades para que con los recursos que se obtengan se cancelen deudas a la E.P.S \u00a0 Esta Sala de Revisi\u00f3n en procura de la protecci\u00f3n de los derechos fundamentales de los accionantes, personas de la tercera edad, ordenar\u00e1 al liquidador y al Superintendente de Sociedades, que una vez se den los presupuestos se\u00f1alados por el liquidador para la obtenci\u00f3n de recursos, cancele con cargo a los gastos de administraci\u00f3n las sumas adeudadas a la EPS Cafesalud, sin perjuicio de ...<br \/><div class=\"pt-cv-rmwrap\"><a href=\"https:\/\/www.dmsjuridica.com\/buscador_20179478954\/corteconstitucionalcronologico202454587\/t-549-01\/\" class=\"_self pt-cv-readmore btn btn-success\" target=\"_self\">Ver Sentencia Completa...<\/a><\/div><\/div><\/div><\/div>\n<div class=\"col-md-12 col-sm-12 col-xs-12 pt-cv-content-item pt-cv-1-col\" ><div class='pt-cv-ifield'><a href=\"https:\/\/www.dmsjuridica.com\/buscador_20179478954\/corteconstitucionalcronologico202454587\/t-547-01\/\" class=\"_self pt-cv-href-thumbnail pt-cv-thumb-default\" target=\"_self\" ><\/a>\n<div class=\"pt-cv-taxoterm above_title\"><a href='https:\/\/www.dmsjuridica.com\/buscador_20179478954\/corteconstitucionalcronologico202454587\/category\/buscar-en-toda-la-corte\/2001\/tutelas-2001\/' title='Tutelas 2001' class='pt-cv-tax-tutelas-2001'>Tutelas 2001<\/a><\/div>\n<h4 class=\"pt-cv-title\"><a href=\"https:\/\/www.dmsjuridica.com\/buscador_20179478954\/corteconstitucionalcronologico202454587\/t-547-01\/\" class=\"_self\" target=\"_self\" >T-547-01<\/a><\/h4>\n<div class=\"pt-cv-content\">\u00a0 \u00a0 Sentencia T-547\/01 \u00a0 DERECHO AL MINIMO VITAL DEL PENSIONADO-Presunci\u00f3n de afectaci\u00f3n por ausencia prolongada en pago de mesadas \u00a0 ESTADO DE COSAS INCONSTITUCIONAL POR OMISI\u00d3N EN EL PAGO DE PENSIONES \u00a0 -Reiteraci\u00f3n de Jurisprudencia- \u00a0 Referencia: expediente T-429818 \u00a0 Acci\u00f3n de tutela instaurada por Maximino Palacios Jord\u00e1n, Jos\u00e9 Neri Palacios Jord\u00e1n, Jos\u00e9 Bejarano Ben\u00edtez y Esneda Obreg\u00f3n de Mosquera contra el Ministerio de Hacienda y Cr\u00e9dito P\u00fablico, Gobernador del Choc\u00f3 y otro. \u00a0 Magistrado Ponente: \u00a0 Dr. EDUARDO MONTEALEGRE LYNETT \u00a0 Bogot\u00e1, D.C., veinticuatro (24) de mayo de dos mil uno (2001). \u00a0 La Sala S\u00e9ptima de Revisi\u00f3n ...<br \/><div class=\"pt-cv-rmwrap\"><a href=\"https:\/\/www.dmsjuridica.com\/buscador_20179478954\/corteconstitucionalcronologico202454587\/t-547-01\/\" class=\"_self pt-cv-readmore btn btn-success\" target=\"_self\">Ver Sentencia Completa...<\/a><\/div><\/div><\/div><\/div>\n<div class=\"col-md-12 col-sm-12 col-xs-12 pt-cv-content-item pt-cv-1-col\" ><div class='pt-cv-ifield'><a href=\"https:\/\/www.dmsjuridica.com\/buscador_20179478954\/corteconstitucionalcronologico202454587\/t-546-01\/\" class=\"_self pt-cv-href-thumbnail pt-cv-thumb-default\" target=\"_self\" ><\/a>\n<div class=\"pt-cv-taxoterm above_title\"><a href='https:\/\/www.dmsjuridica.com\/buscador_20179478954\/corteconstitucionalcronologico202454587\/category\/buscar-en-toda-la-corte\/2001\/tutelas-2001\/' title='Tutelas 2001' class='pt-cv-tax-tutelas-2001'>Tutelas 2001<\/a><\/div>\n<h4 class=\"pt-cv-title\"><a href=\"https:\/\/www.dmsjuridica.com\/buscador_20179478954\/corteconstitucionalcronologico202454587\/t-546-01\/\" class=\"_self\" target=\"_self\" >T-546-01<\/a><\/h4>\n<div class=\"pt-cv-content\">\u00a0 \u00a0 Sentencia T-546\/01 \u00a0 ACCION DE TUTELA-Procedencia excepcional pago de acreencias laborales \u00a0 DERECHO AL MINIMO VITAL-Prueba de la amenaza \u00a0 ACCION DE TUTELA-Improcedencia por no afectaci\u00f3n del m\u00ednimo vital \u00a0 Reiteraci\u00f3n de Jurisprudencia \u00a0 Referencia: expediente: T-391188\u00a0 \u00a0 Acci\u00f3n de Tutela incoada por la se\u00f1ora Orlanda Duque Cifuentes contra el municipio de Santo Domingo \u2013 Antioquia-. \u00a0 Magistrado Ponente: \u00a0 Dr. EDUARDO MONTEALEGRE LYNETT. \u00a0 Bogot\u00e1 D.C. mayo veinticuatro (24) de dos mil uno (2001). \u00a0 La Sala S\u00e9ptima de Revisi\u00f3n de Tutelas de la Corte Constitucional, compuesta por los Magistrados Eduardo Montealegre Lynett, Alvaro Tafur Galvis y ...<br \/><div class=\"pt-cv-rmwrap\"><a href=\"https:\/\/www.dmsjuridica.com\/buscador_20179478954\/corteconstitucionalcronologico202454587\/t-546-01\/\" class=\"_self pt-cv-readmore btn btn-success\" target=\"_self\">Ver Sentencia Completa...<\/a><\/div><\/div><\/div><\/div>\n<div class=\"col-md-12 col-sm-12 col-xs-12 pt-cv-content-item pt-cv-1-col\" ><div class='pt-cv-ifield'><a href=\"https:\/\/www.dmsjuridica.com\/buscador_20179478954\/corteconstitucionalcronologico202454587\/t-545-01\/\" class=\"_self pt-cv-href-thumbnail pt-cv-thumb-default\" target=\"_self\" ><\/a>\n<div class=\"pt-cv-taxoterm above_title\"><a href='https:\/\/www.dmsjuridica.com\/buscador_20179478954\/corteconstitucionalcronologico202454587\/category\/buscar-en-toda-la-corte\/2001\/tutelas-2001\/' title='Tutelas 2001' class='pt-cv-tax-tutelas-2001'>Tutelas 2001<\/a><\/div>\n<h4 class=\"pt-cv-title\"><a href=\"https:\/\/www.dmsjuridica.com\/buscador_20179478954\/corteconstitucionalcronologico202454587\/t-545-01\/\" class=\"_self\" target=\"_self\" >T-545-01<\/a><\/h4>\n<div class=\"pt-cv-content\">\u00a0 \u00a0 Sentencia T-545\/01 \u00a0 CONJUNTO RESIDENCIAL-Derrumbe de muros y cerramientos\/ACCION DE NULIDAD Y RESTABLECIMIENTO DEL DERECHO-Procedencia contra actos administrativos que ordenan derrumbe de muros y cerramientos \u00a0 La acci\u00f3n de nulidad y restablecimiento del derecho ante estas circunstancias espec\u00edficas si es id\u00f3nea para proteger sus derechos alegados como conculcados, pues el juez de la legalidad examina el acto administrativo en su forma y contenido, verificando si la autoridad lo expidi\u00f3 respetando la legalidad o por el contrario si infringe normas en que deber\u00eda fundarse, si ha sido expedido por funcionarios u organismos incompetentes, en forma irregular, desconociendo el derecho ...<br \/><div class=\"pt-cv-rmwrap\"><a href=\"https:\/\/www.dmsjuridica.com\/buscador_20179478954\/corteconstitucionalcronologico202454587\/t-545-01\/\" class=\"_self pt-cv-readmore btn btn-success\" target=\"_self\">Ver Sentencia Completa...<\/a><\/div><\/div><\/div><\/div>\n<div class=\"col-md-12 col-sm-12 col-xs-12 pt-cv-content-item pt-cv-1-col\" ><div class='pt-cv-ifield'><a href=\"https:\/\/www.dmsjuridica.com\/buscador_20179478954\/corteconstitucionalcronologico202454587\/t-542-01\/\" class=\"_self pt-cv-href-thumbnail pt-cv-thumb-default\" target=\"_self\" ><\/a>\n<div class=\"pt-cv-taxoterm above_title\"><a href='https:\/\/www.dmsjuridica.com\/buscador_20179478954\/corteconstitucionalcronologico202454587\/category\/buscar-en-toda-la-corte\/2001\/tutelas-2001\/' title='Tutelas 2001' class='pt-cv-tax-tutelas-2001'>Tutelas 2001<\/a><\/div>\n<h4 class=\"pt-cv-title\"><a href=\"https:\/\/www.dmsjuridica.com\/buscador_20179478954\/corteconstitucionalcronologico202454587\/t-542-01\/\" class=\"_self\" target=\"_self\" >T-542-01<\/a><\/h4>\n<div class=\"pt-cv-content\">\u00a0 \u00a0 Sentencia T-542\/01 \u00a0 DERECHO A LA SALUD DE MENOR DE EDAD-No se pueden oponer periodos m\u00ednimos de cotizaci\u00f3n\/DERECHO A LA SALUD DE MENOR DE EDAD-Cirug\u00eda de adenoides \u00a0 DERECHO A LA SALUD DE MENOR DE EDAD-Afirmaci\u00f3n sobre la falta de capacidad de pago de los padres \u00a0 La imposibilidad econ\u00f3mica para asumir el costo de la intervenci\u00f3n por parte de los peticionarios se colige al tomar en cuenta su afirmaci\u00f3n en el sentido de que la madre se qued\u00f3 sin trabajo y por ello dej\u00f3 de cotizar a la EPS a la cual estaba afiliada perdiendo de ese ...<br \/><div class=\"pt-cv-rmwrap\"><a href=\"https:\/\/www.dmsjuridica.com\/buscador_20179478954\/corteconstitucionalcronologico202454587\/t-542-01\/\" class=\"_self pt-cv-readmore btn btn-success\" target=\"_self\">Ver Sentencia Completa...<\/a><\/div><\/div><\/div><\/div>\n<div class=\"col-md-12 col-sm-12 col-xs-12 pt-cv-content-item pt-cv-1-col\" ><div class='pt-cv-ifield'><a href=\"https:\/\/www.dmsjuridica.com\/buscador_20179478954\/corteconstitucionalcronologico202454587\/t-541-01\/\" class=\"_self pt-cv-href-thumbnail pt-cv-thumb-default\" target=\"_self\" ><\/a>\n<div class=\"pt-cv-taxoterm above_title\"><a href='https:\/\/www.dmsjuridica.com\/buscador_20179478954\/corteconstitucionalcronologico202454587\/category\/buscar-en-toda-la-corte\/2001\/tutelas-2001\/' title='Tutelas 2001' class='pt-cv-tax-tutelas-2001'>Tutelas 2001<\/a><\/div>\n<h4 class=\"pt-cv-title\"><a href=\"https:\/\/www.dmsjuridica.com\/buscador_20179478954\/corteconstitucionalcronologico202454587\/t-541-01\/\" class=\"_self\" target=\"_self\" >T-541-01<\/a><\/h4>\n<div class=\"pt-cv-content\">\u00a0 \u00a0 Sentencia T-541\/01 \u00a0 ACCION DE TUTELA-Procedencia excepcional pago de salarios\/DERECHO AL MINIMO VITAL DEL TRABAJADOR-Pago oportuno de salarios \u00a0 EMPLEADOR-Falta de presupuesto o insolvencia para pago oportuno de salarios no es raz\u00f3n suficiente \u00a0 DERECHO AL PAGO OPORTUNO DEL SALARIO-Fundamental \u00a0 Referencia: expediente T-415163. Acci\u00f3n de tutela promovida por Maryluz Cardozo Acevedo contra la Fundaci\u00f3n para la Educaci\u00f3n Real de Colombia.\u00a0 \u00a0 Magistrada Ponente: \u00a0 Dra. CLARA INES VARGAS HERNANDEZ \u00a0 Bogot\u00e1, \u00a0D. C., veintiuno (21) de mayo de dos mil uno (2001). \u00a0 \u00a0 La Sala Novena de Revisi\u00f3n de la Corte Constitucional, integrada por los Magistrados ...<br \/><div class=\"pt-cv-rmwrap\"><a href=\"https:\/\/www.dmsjuridica.com\/buscador_20179478954\/corteconstitucionalcronologico202454587\/t-541-01\/\" class=\"_self pt-cv-readmore btn btn-success\" target=\"_self\">Ver Sentencia Completa...<\/a><\/div><\/div><\/div><\/div>\n<div class=\"col-md-12 col-sm-12 col-xs-12 pt-cv-content-item pt-cv-1-col\" ><div class='pt-cv-ifield'><a href=\"https:\/\/www.dmsjuridica.com\/buscador_20179478954\/corteconstitucionalcronologico202454587\/t-539-01\/\" class=\"_self pt-cv-href-thumbnail pt-cv-thumb-default\" target=\"_self\" ><\/a>\n<div class=\"pt-cv-taxoterm above_title\"><a href='https:\/\/www.dmsjuridica.com\/buscador_20179478954\/corteconstitucionalcronologico202454587\/category\/buscar-en-toda-la-corte\/2001\/tutelas-2001\/' title='Tutelas 2001' class='pt-cv-tax-tutelas-2001'>Tutelas 2001<\/a><\/div>\n<h4 class=\"pt-cv-title\"><a href=\"https:\/\/www.dmsjuridica.com\/buscador_20179478954\/corteconstitucionalcronologico202454587\/t-539-01\/\" class=\"_self\" target=\"_self\" >T-539-01<\/a><\/h4>\n<div class=\"pt-cv-content\">\u00a0 \u00a0 Sentencia T-539\/01 \u00a0 ACCION DE TUTELA-Improcedencia para reclamar acreencias laborales no reconocidas \u00a0 Si bien la procedencia excepcional de la tutela para lograr este tipo de reclamaci\u00f3n, ha procedido, el juez de tutela, ordena el pago de las acreencias reclamadas, cuando estas ya han sido reconocidas y surgen en cabeza del particular como un derecho ya adquirido. Pero si la acci\u00f3n de tutela se plantea en los t\u00e9rminos que por esta v\u00eda judicial se entre a ordenar el reconocimiento, es improcedente, pues el juez constitucional estar\u00eda extralimitando sus funciones e invadiendo competencias de otras autoridades.\u00a0 \u00a0 ACCION DE ...<br \/><div class=\"pt-cv-rmwrap\"><a href=\"https:\/\/www.dmsjuridica.com\/buscador_20179478954\/corteconstitucionalcronologico202454587\/t-539-01\/\" class=\"_self pt-cv-readmore btn btn-success\" target=\"_self\">Ver Sentencia Completa...<\/a><\/div><\/div><\/div><\/div>\n<div class=\"col-md-12 col-sm-12 col-xs-12 pt-cv-content-item pt-cv-1-col\" ><div class='pt-cv-ifield'><a href=\"https:\/\/www.dmsjuridica.com\/buscador_20179478954\/corteconstitucionalcronologico202454587\/t-538-01\/\" class=\"_self pt-cv-href-thumbnail pt-cv-thumb-default\" target=\"_self\" ><\/a>\n<div class=\"pt-cv-taxoterm above_title\"><a href='https:\/\/www.dmsjuridica.com\/buscador_20179478954\/corteconstitucionalcronologico202454587\/category\/buscar-en-toda-la-corte\/2001\/tutelas-2001\/' title='Tutelas 2001' class='pt-cv-tax-tutelas-2001'>Tutelas 2001<\/a><\/div>\n<h4 class=\"pt-cv-title\"><a href=\"https:\/\/www.dmsjuridica.com\/buscador_20179478954\/corteconstitucionalcronologico202454587\/t-538-01\/\" class=\"_self\" target=\"_self\" >T-538-01<\/a><\/h4>\n<div class=\"pt-cv-content\">\u00a0 \u00a0 Sentencia T-538\/01 \u00a0 ACCION DE TUTELA-Procedencia excepcional pago de mesadas pensionales \u00a0 ACCION DE TUTELA-Hecho superado por pago de acreencias laborales \u00a0 Referencia: expedientes T-359.056,\u00a0 \u00a0 T-359057 y T-359.082 \u00a0 Acci\u00f3n de tutela instaurada por Martha Ria\u00f1o de Vel\u00e1zquez, Hilda Bar\u00f3n de Ria\u00f1o y Natividad Monroy Dom\u00ednguez contra el Departamento de Boyac\u00e1, la Secretar\u00eda de Hacienda Departamental y la Caja de Previsi\u00f3n Social de Boyac\u00e1.\u00a0 \u00a0 Magistrado Ponente: \u00a0 Dr. ALVARO TAFUR GALVIS \u00a0 Bogot\u00e1 D.C., a los veinti\u00fan (21) d\u00edas del mes de mayo de dos mil uno (2001). \u00a0 La Sala Octava de Revisi\u00f3n de la ...<br \/><div class=\"pt-cv-rmwrap\"><a href=\"https:\/\/www.dmsjuridica.com\/buscador_20179478954\/corteconstitucionalcronologico202454587\/t-538-01\/\" class=\"_self pt-cv-readmore btn btn-success\" target=\"_self\">Ver Sentencia Completa...<\/a><\/div><\/div><\/div><\/div>\n<div class=\"col-md-12 col-sm-12 col-xs-12 pt-cv-content-item pt-cv-1-col\" ><div class='pt-cv-ifield'><a href=\"https:\/\/www.dmsjuridica.com\/buscador_20179478954\/corteconstitucionalcronologico202454587\/t-537-01\/\" class=\"_self pt-cv-href-thumbnail pt-cv-thumb-default\" target=\"_self\" ><\/a>\n<div class=\"pt-cv-taxoterm above_title\"><a href='https:\/\/www.dmsjuridica.com\/buscador_20179478954\/corteconstitucionalcronologico202454587\/category\/buscar-en-toda-la-corte\/2001\/tutelas-2001\/' title='Tutelas 2001' class='pt-cv-tax-tutelas-2001'>Tutelas 2001<\/a><\/div>\n<h4 class=\"pt-cv-title\"><a href=\"https:\/\/www.dmsjuridica.com\/buscador_20179478954\/corteconstitucionalcronologico202454587\/t-537-01\/\" class=\"_self\" target=\"_self\" >T-537-01<\/a><\/h4>\n<div class=\"pt-cv-content\">\u00a0 \u00a0 Sentencia T-537\/01 \u00a0 DERECHO DE PETICION-Pronta resoluci\u00f3n\/ACCION DE TUTELA-Hecho superado \u00a0 Reiteraci\u00f3n de Jurisprudencia \u00a0 Referencia: expediente T-385648\u00a0 \u00a0 Acci\u00f3n de Tutela incoada por Gustavo Velandia Hern\u00e1ndez contra el Instituto de Seguros Sociales, Seccional Cundinamarca. \u00a0 Magistrado Ponente\u00a0:\u00a0 \u00a0 Dr. ALVARO TAFUR GALVIS \u00a0 Bogot\u00e1 D.C., mayo veintiuno (21) de dos mil uno (2001). \u00a0 La Sala Octava de Revisi\u00f3n de Tutelas de la Corte Constitucional, en ejercicio de sus competencias constitucionales y legales, ha proferido la siguiente, \u00a0 SENTENCIA \u00a0 dentro del proceso de revisi\u00f3n de la sentencia de 21 de septiembre de 2000, proferida por el ...<br \/><div class=\"pt-cv-rmwrap\"><a href=\"https:\/\/www.dmsjuridica.com\/buscador_20179478954\/corteconstitucionalcronologico202454587\/t-537-01\/\" class=\"_self pt-cv-readmore btn btn-success\" target=\"_self\">Ver Sentencia Completa...<\/a><\/div><\/div><\/div><\/div>\n<div class=\"col-md-12 col-sm-12 col-xs-12 pt-cv-content-item pt-cv-1-col\" ><div class='pt-cv-ifield'><a href=\"https:\/\/www.dmsjuridica.com\/buscador_20179478954\/corteconstitucionalcronologico202454587\/t-536-01\/\" class=\"_self pt-cv-href-thumbnail pt-cv-thumb-default\" target=\"_self\" ><\/a>\n<div class=\"pt-cv-taxoterm above_title\"><a href='https:\/\/www.dmsjuridica.com\/buscador_20179478954\/corteconstitucionalcronologico202454587\/category\/buscar-en-toda-la-corte\/2001\/tutelas-2001\/' title='Tutelas 2001' class='pt-cv-tax-tutelas-2001'>Tutelas 2001<\/a><\/div>\n<h4 class=\"pt-cv-title\"><a href=\"https:\/\/www.dmsjuridica.com\/buscador_20179478954\/corteconstitucionalcronologico202454587\/t-536-01\/\" class=\"_self\" target=\"_self\" >T-536-01<\/a><\/h4>\n<div class=\"pt-cv-content\">\u00a0 \u00a0 Sentencia T-536\/01 \u00a0 DERECHO A LA SALUD-Fundamental por conexidad con la vida\/DERECHO A LA DIGNIDAD HUMANA-Vulneraci\u00f3n por no realizar cirug\u00eda\/EMPRESA PROMOTORA DE SALUD-Informaci\u00f3n al afiliado sobre posibilidad de atenci\u00f3n en servicio no incluido en POS \u00a0 Reiteraci\u00f3n de Jurisprudencia \u00a0 Referencia: expediente T-414589 \u00a0 Accionante: Elvis No\u00e9 Ortiz Duque\u00a0 \u00a0 Demandado: Comfenalco E.P.S. \u00a0 Magistrado Ponente: \u00a0 Dr. RODRIGO ESCOBAR GIL \u00a0 Bogot\u00e1 D.C., mayo veintiuno (21) de dos mil uno (2001). \u00a0 La Sala Quinta de Revisi\u00f3n de la Corte Constitucional, integrada por los Magistrados Marco Gerardo Monroy Cabra, Eduardo Montealegre Lynett y Rodrigo Escobar Gil, quien ...<br \/><div class=\"pt-cv-rmwrap\"><a href=\"https:\/\/www.dmsjuridica.com\/buscador_20179478954\/corteconstitucionalcronologico202454587\/t-536-01\/\" class=\"_self pt-cv-readmore btn btn-success\" target=\"_self\">Ver Sentencia Completa...<\/a><\/div><\/div><\/div><\/div>\n<div class=\"col-md-12 col-sm-12 col-xs-12 pt-cv-content-item pt-cv-1-col\" ><div class='pt-cv-ifield'><a href=\"https:\/\/www.dmsjuridica.com\/buscador_20179478954\/corteconstitucionalcronologico202454587\/t-535-01\/\" class=\"_self pt-cv-href-thumbnail pt-cv-thumb-default\" target=\"_self\" ><\/a>\n<div class=\"pt-cv-taxoterm above_title\"><a href='https:\/\/www.dmsjuridica.com\/buscador_20179478954\/corteconstitucionalcronologico202454587\/category\/buscar-en-toda-la-corte\/2001\/tutelas-2001\/' title='Tutelas 2001' class='pt-cv-tax-tutelas-2001'>Tutelas 2001<\/a><\/div>\n<h4 class=\"pt-cv-title\"><a href=\"https:\/\/www.dmsjuridica.com\/buscador_20179478954\/corteconstitucionalcronologico202454587\/t-535-01\/\" class=\"_self\" target=\"_self\" >T-535-01<\/a><\/h4>\n<div class=\"pt-cv-content\">\u00a0 \u00a0 Sentencia T-535\/01 \u00a0 ACCION DE TUTELA-Procedencia excepcional pago de acreencias laborales \u00a0 DERECHO AL MINIMO VITAL DEL PENSIONADO-Pago oportuno de mesadas \u00a0 PERSONA DE LA TERCERA EDAD-Retraso injustificado de pensi\u00f3n \u00a0 Referencia: expediente T-426564 \u00a0 Acci\u00f3n de tutela incoada por Julio Enoc Varela Rojas contra el Alcalde del Municipio de Santiago de Cali y el Director del Departamento Administrativo de Hacienda Municipal \u00a0 Magistrado Ponente: \u00a0 Dr. JAIME C\u00d3RDOBA TRIVI\u00d1O \u00a0 Bogot\u00e1, D.C., veintiuno (21) de mayo de dos mil uno (2001). \u00a0 La Sala Cuarta de Revisi\u00f3n de la Corte Constitucional, en ejercicio de sus competencias constitucionales ...<br \/><div class=\"pt-cv-rmwrap\"><a href=\"https:\/\/www.dmsjuridica.com\/buscador_20179478954\/corteconstitucionalcronologico202454587\/t-535-01\/\" class=\"_self pt-cv-readmore btn btn-success\" target=\"_self\">Ver Sentencia Completa...<\/a><\/div><\/div><\/div><\/div>\n<div class=\"col-md-12 col-sm-12 col-xs-12 pt-cv-content-item pt-cv-1-col\" ><div class='pt-cv-ifield'><a href=\"https:\/\/www.dmsjuridica.com\/buscador_20179478954\/corteconstitucionalcronologico202454587\/t-534-01\/\" class=\"_self pt-cv-href-thumbnail pt-cv-thumb-default\" target=\"_self\" ><\/a>\n<div class=\"pt-cv-taxoterm above_title\"><a href='https:\/\/www.dmsjuridica.com\/buscador_20179478954\/corteconstitucionalcronologico202454587\/category\/buscar-en-toda-la-corte\/2001\/tutelas-2001\/' title='Tutelas 2001' class='pt-cv-tax-tutelas-2001'>Tutelas 2001<\/a><\/div>\n<h4 class=\"pt-cv-title\"><a href=\"https:\/\/www.dmsjuridica.com\/buscador_20179478954\/corteconstitucionalcronologico202454587\/t-534-01\/\" class=\"_self\" target=\"_self\" >T-534-01<\/a><\/h4>\n<div class=\"pt-cv-content\">\u00a0 \u00a0 Sentencia T-534\/01 \u00a0 DERECHO A LA SEGURIDAD SOCIAL DE PERSONA DE LA TERCERA EDAD-Fundamental por conexidad \u00a0 DERECHO A LA PENSION DE JUBILACION-Aplicaci\u00f3n inmediata \u00a0 REGIMEN PENSIONAL DE TRANSICION-Alcance \u00a0 PENSION DE JUBILACION-Equivalencia tiempo de servicios por publicaci\u00f3n de libros \u00a0 DERECHO A LA IGUALDAD-Discriminaci\u00f3n por no aplicaci\u00f3n de r\u00e9gimen pensional de transici\u00f3n \u00a0 La Corte ha desarrollado una l\u00ednea jurisprudencial seg\u00fan la cual la cotizaci\u00f3n de las pensiones debe realizarse teniendo en cuenta la asignaci\u00f3n correspondiente al cargo efectivamente desempe\u00f1ado y no la correspondiente a un cargo diferente pues de lo contrario se incurre en pr\u00e1cticas discriminatorias ...<br \/><div class=\"pt-cv-rmwrap\"><a href=\"https:\/\/www.dmsjuridica.com\/buscador_20179478954\/corteconstitucionalcronologico202454587\/t-534-01\/\" class=\"_self pt-cv-readmore btn btn-success\" target=\"_self\">Ver Sentencia Completa...<\/a><\/div><\/div><\/div><\/div>\n<div class=\"col-md-12 col-sm-12 col-xs-12 pt-cv-content-item pt-cv-1-col\" ><div class='pt-cv-ifield'><a href=\"https:\/\/www.dmsjuridica.com\/buscador_20179478954\/corteconstitucionalcronologico202454587\/t-533-01\/\" class=\"_self pt-cv-href-thumbnail pt-cv-thumb-default\" target=\"_self\" ><\/a>\n<div class=\"pt-cv-taxoterm above_title\"><a href='https:\/\/www.dmsjuridica.com\/buscador_20179478954\/corteconstitucionalcronologico202454587\/category\/buscar-en-toda-la-corte\/2001\/tutelas-2001\/' title='Tutelas 2001' class='pt-cv-tax-tutelas-2001'>Tutelas 2001<\/a><\/div>\n<h4 class=\"pt-cv-title\"><a href=\"https:\/\/www.dmsjuridica.com\/buscador_20179478954\/corteconstitucionalcronologico202454587\/t-533-01\/\" class=\"_self\" target=\"_self\" >T-533-01<\/a><\/h4>\n<div class=\"pt-cv-content\">\u00a0 \u00a0 Sentencia T-533\/01 \u00a0 VIA DE HECHO-Concepto \u00a0 La v\u00eda de hecho constituye un abuso de poder, un comportamiento que se encuentra desvinculado de fundamento normativo alguno, un acto que traduce la negaci\u00f3n de la naturaleza reglada de todo ejercicio del poder constituido. La v\u00eda de hecho desconoce que en un Estado constitucional, a excepci\u00f3n del constituyente originario, todos los poderes son limitados y que esos l\u00edmites vienen impuestos por la Carta Pol\u00edtica y por la ley pues \u00e9stos desarrollan valores, principios y derechos que circunscriben los \u00e1mbitos del poder y que determinan los espacios correlativos de ejercicio de ...<br \/><div class=\"pt-cv-rmwrap\"><a href=\"https:\/\/www.dmsjuridica.com\/buscador_20179478954\/corteconstitucionalcronologico202454587\/t-533-01\/\" class=\"_self pt-cv-readmore btn btn-success\" target=\"_self\">Ver Sentencia Completa...<\/a><\/div><\/div><\/div><\/div>\n<div class=\"col-md-12 col-sm-12 col-xs-12 pt-cv-content-item pt-cv-1-col\" ><div class='pt-cv-ifield'><a href=\"https:\/\/www.dmsjuridica.com\/buscador_20179478954\/corteconstitucionalcronologico202454587\/t-532-01\/\" class=\"_self pt-cv-href-thumbnail pt-cv-thumb-default\" target=\"_self\" ><\/a>\n<div class=\"pt-cv-taxoterm above_title\"><a href='https:\/\/www.dmsjuridica.com\/buscador_20179478954\/corteconstitucionalcronologico202454587\/category\/buscar-en-toda-la-corte\/2001\/tutelas-2001\/' title='Tutelas 2001' class='pt-cv-tax-tutelas-2001'>Tutelas 2001<\/a><\/div>\n<h4 class=\"pt-cv-title\"><a href=\"https:\/\/www.dmsjuridica.com\/buscador_20179478954\/corteconstitucionalcronologico202454587\/t-532-01\/\" class=\"_self\" target=\"_self\" >T-532-01<\/a><\/h4>\n<div class=\"pt-cv-content\">\u00a0 \u00a0 Sentencia T-532\/01 \u00a0 CEDULA DE CIUDADANIA-No entrega oportuna para participar en jornada electoral \u00a0 REGISTRADURIA NACIONAL DEL ESTADO CIVIL-Exhortaci\u00f3n para que implemente una pol\u00edtica que permita oportuna prestaci\u00f3n del servicio p\u00fablico de cedulaci\u00f3n \u00a0 La Corte exhortar\u00e1 a la Registradur\u00eda Nacional del Estado Civil para la implementaci\u00f3n de una pol\u00edtica que permita la oportuna prestaci\u00f3n del servicio p\u00fablico de cedulaci\u00f3n y evite limitaciones al derecho de participaci\u00f3n de los ciudadanos en la conformaci\u00f3n, ejercicio y control del poder pol\u00edtico. \u00a0 Referencia: expedientes acumulados T-403131, T-413288 y T-413375 \u00a0 Acciones de tutela instauradas por Juan de Jes\u00fas Callejas Holgu\u00edn, ...<br \/><div class=\"pt-cv-rmwrap\"><a href=\"https:\/\/www.dmsjuridica.com\/buscador_20179478954\/corteconstitucionalcronologico202454587\/t-532-01\/\" class=\"_self pt-cv-readmore btn btn-success\" target=\"_self\">Ver Sentencia Completa...<\/a><\/div><\/div><\/div><\/div>\n<div class=\"col-md-12 col-sm-12 col-xs-12 pt-cv-content-item pt-cv-1-col\" ><div class='pt-cv-ifield'><a href=\"https:\/\/www.dmsjuridica.com\/buscador_20179478954\/corteconstitucionalcronologico202454587\/t-531-01\/\" class=\"_self pt-cv-href-thumbnail pt-cv-thumb-default\" target=\"_self\" ><\/a>\n<div class=\"pt-cv-taxoterm above_title\"><a href='https:\/\/www.dmsjuridica.com\/buscador_20179478954\/corteconstitucionalcronologico202454587\/category\/buscar-en-toda-la-corte\/2001\/tutelas-2001\/' title='Tutelas 2001' class='pt-cv-tax-tutelas-2001'>Tutelas 2001<\/a><\/div>\n<h4 class=\"pt-cv-title\"><a href=\"https:\/\/www.dmsjuridica.com\/buscador_20179478954\/corteconstitucionalcronologico202454587\/t-531-01\/\" class=\"_self\" target=\"_self\" >T-531-01<\/a><\/h4>\n<div class=\"pt-cv-content\">\u00a0 \u00a0 Sentencia T-531\/01 \u00a0 El actor dispone de los siguientes mecanismos de defensa frente al proceso de extradici\u00f3n que se le adelanta: - Los previstos en el C\u00f3digo de Procedimiento Penal dentro de la actuaci\u00f3n y tr\u00e1mite ante la Corte Suprema de Justicia. Los recursos de reposici\u00f3n y apelaci\u00f3n previstos por el C\u00f3digo Contencioso Administrativo contra el acto administrativo (resoluci\u00f3n) que expida el Ministerio de Justicia y del Derecho ya sea concediendo o negando la extradici\u00f3n. La acci\u00f3n de Nulidad y Restablecimiento del Derecho ante la Jurisdicci\u00f3n de lo Contencioso Administrativo. Teniendo a su alcance estos medios de defensa ...<br \/><div class=\"pt-cv-rmwrap\"><a href=\"https:\/\/www.dmsjuridica.com\/buscador_20179478954\/corteconstitucionalcronologico202454587\/t-531-01\/\" class=\"_self pt-cv-readmore btn btn-success\" target=\"_self\">Ver Sentencia Completa...<\/a><\/div><\/div><\/div><\/div>\n<div class=\"col-md-12 col-sm-12 col-xs-12 pt-cv-content-item pt-cv-1-col\" ><div class='pt-cv-ifield'><a href=\"https:\/\/www.dmsjuridica.com\/buscador_20179478954\/corteconstitucionalcronologico202454587\/t-530-01\/\" class=\"_self pt-cv-href-thumbnail pt-cv-thumb-default\" target=\"_self\" ><\/a>\n<div class=\"pt-cv-taxoterm above_title\"><a href='https:\/\/www.dmsjuridica.com\/buscador_20179478954\/corteconstitucionalcronologico202454587\/category\/buscar-en-toda-la-corte\/2001\/tutelas-2001\/' title='Tutelas 2001' class='pt-cv-tax-tutelas-2001'>Tutelas 2001<\/a><\/div>\n<h4 class=\"pt-cv-title\"><a href=\"https:\/\/www.dmsjuridica.com\/buscador_20179478954\/corteconstitucionalcronologico202454587\/t-530-01\/\" class=\"_self\" target=\"_self\" >T-530-01<\/a><\/h4>\n<div class=\"pt-cv-content\">\u00a0 \u00a0 Sentencia T-530\/01 \u00a0 EXTRADICION-No apertura de investigaci\u00f3n en Colombia \u00a0 Estas afirmaciones no fueron desvirtuadas por el actor durante el tr\u00e1mite de la tutela, en el sentido de haber aportado las pruebas demostrativas de su condici\u00f3n de procesado por las mismas conductas de que trata la solicitud de extradici\u00f3n, o de haber solicitado ser o\u00eddo en versi\u00f3n libre o llamado a indagatoria por hechos relacionados con la ley 30 de 1986. Y en todo caso, seg\u00fan lo registr\u00f3 acertadamente el Tribunal de instancia, a la Fiscal\u00eda le lleg\u00f3 la solicitud de detenci\u00f3n del peticionario sin pruebas o informes ...<br \/><div class=\"pt-cv-rmwrap\"><a href=\"https:\/\/www.dmsjuridica.com\/buscador_20179478954\/corteconstitucionalcronologico202454587\/t-530-01\/\" class=\"_self pt-cv-readmore btn btn-success\" target=\"_self\">Ver Sentencia Completa...<\/a><\/div><\/div><\/div><\/div>\n<div class=\"col-md-12 col-sm-12 col-xs-12 pt-cv-content-item pt-cv-1-col\" ><div class='pt-cv-ifield'><a href=\"https:\/\/www.dmsjuridica.com\/buscador_20179478954\/corteconstitucionalcronologico202454587\/t-529-01\/\" class=\"_self pt-cv-href-thumbnail pt-cv-thumb-default\" target=\"_self\" ><\/a>\n<div class=\"pt-cv-taxoterm above_title\"><a href='https:\/\/www.dmsjuridica.com\/buscador_20179478954\/corteconstitucionalcronologico202454587\/category\/buscar-en-toda-la-corte\/2001\/tutelas-2001\/' title='Tutelas 2001' class='pt-cv-tax-tutelas-2001'>Tutelas 2001<\/a><\/div>\n<h4 class=\"pt-cv-title\"><a href=\"https:\/\/www.dmsjuridica.com\/buscador_20179478954\/corteconstitucionalcronologico202454587\/t-529-01\/\" class=\"_self\" target=\"_self\" >T-529-01<\/a><\/h4>\n<div class=\"pt-cv-content\">\u00a0 \u00a0 Sentencia T-529\/01 \u00a0 ACCION DE TUTELA-Informalidad \u00a0 DEBIDO PROCESO-No resoluci\u00f3n petici\u00f3n de levantamiento de embargo y secuestro\/PROCESO EJECUTIVO CON TITULO HIPOTECARIO-No resoluci\u00f3n petici\u00f3n de levantamiento de embargo y secuestro \u00a0 Referencia: expediente T-412753\u00a0 \u00a0 Acci\u00f3n de tutela incoada por Ana Mercedes Amaya Pamplona, Oscar Luis Ramirez Yepes, Marco A. Bernal, Eduardo Nel Le\u00f3n F., Claudia Casas Rivera, Elsa del Carmen Sierra y Rosario Pilar Barrag\u00e1n \u00a0contra sentencia del Tribunal de Superior del Distrito Judicial de Bogot\u00e1, Sala Civil.\u00a0 \u00a0 Magistrado Ponente: \u00a0 Dr. JAIME ARAUJO RENTER\u00cdA \u00a0 Bogot\u00e1, D.C., a los veinti\u00fan (21) d\u00edas del mes de mayo ...<br \/><div class=\"pt-cv-rmwrap\"><a href=\"https:\/\/www.dmsjuridica.com\/buscador_20179478954\/corteconstitucionalcronologico202454587\/t-529-01\/\" class=\"_self pt-cv-readmore btn btn-success\" target=\"_self\">Ver Sentencia Completa...<\/a><\/div><\/div><\/div><\/div>\n<div class=\"col-md-12 col-sm-12 col-xs-12 pt-cv-content-item pt-cv-1-col\" ><div class='pt-cv-ifield'><a href=\"https:\/\/www.dmsjuridica.com\/buscador_20179478954\/corteconstitucionalcronologico202454587\/t-528-01\/\" class=\"_self pt-cv-href-thumbnail pt-cv-thumb-default\" target=\"_self\" ><\/a>\n<div class=\"pt-cv-taxoterm above_title\"><a href='https:\/\/www.dmsjuridica.com\/buscador_20179478954\/corteconstitucionalcronologico202454587\/category\/buscar-en-toda-la-corte\/2001\/tutelas-2001\/' title='Tutelas 2001' class='pt-cv-tax-tutelas-2001'>Tutelas 2001<\/a><\/div>\n<h4 class=\"pt-cv-title\"><a href=\"https:\/\/www.dmsjuridica.com\/buscador_20179478954\/corteconstitucionalcronologico202454587\/t-528-01\/\" class=\"_self\" target=\"_self\" >T-528-01<\/a><\/h4>\n<div class=\"pt-cv-content\">\u00a0 \u00a0 Sentencia T-528\/01 \u00a0 ACCION DE TUTELA CONTRA PARTICULARES-Subordinaci\u00f3n \u00a0 ACCION DE TUTELA-Procedencia excepcional pago de acreencias laborales\/DERECHO AL MINIMO VITAL DEL TRABAJADOR-Pago oportuno de salarios \u00a0 EMPLEADOR-Situaci\u00f3n econ\u00f3mica o presupuestal no es \u00f3bice para desconocer obligaciones laborales \u00a0 MINIMO VITAL-Definici\u00f3n \u00a0 DERECHO AL MINIMO VITAL-Prueba de la amenaza \u00a0 DERECHO AL MINIMO VITAL DEL TRABAJADOR-Presunci\u00f3n de afectaci\u00f3n por ausencia prolongada en pago de salarios \u00a0 Referencia: expediente T-412639 \u00a0 Acci\u00f3n de tutela instaurada por Jos\u00e9 Henry Valencia Vargas contra VIGICAF\u00c9 Ltda. \u00a0 Magistrado Ponente: \u00a0 Dr. JAIME ARAUJO RENTER\u00cdA \u00a0 Bogot\u00e1 D.C., a los veinti\u00fan (21) d\u00edas del ...<br \/><div class=\"pt-cv-rmwrap\"><a href=\"https:\/\/www.dmsjuridica.com\/buscador_20179478954\/corteconstitucionalcronologico202454587\/t-528-01\/\" class=\"_self pt-cv-readmore btn btn-success\" target=\"_self\">Ver Sentencia Completa...<\/a><\/div><\/div><\/div><\/div>\n<div class=\"col-md-12 col-sm-12 col-xs-12 pt-cv-content-item pt-cv-1-col\" ><div class='pt-cv-ifield'><a href=\"https:\/\/www.dmsjuridica.com\/buscador_20179478954\/corteconstitucionalcronologico202454587\/t-527-01\/\" class=\"_self pt-cv-href-thumbnail pt-cv-thumb-default\" target=\"_self\" ><\/a>\n<div class=\"pt-cv-taxoterm above_title\"><a href='https:\/\/www.dmsjuridica.com\/buscador_20179478954\/corteconstitucionalcronologico202454587\/category\/buscar-en-toda-la-corte\/2001\/tutelas-2001\/' title='Tutelas 2001' class='pt-cv-tax-tutelas-2001'>Tutelas 2001<\/a><\/div>\n<h4 class=\"pt-cv-title\"><a href=\"https:\/\/www.dmsjuridica.com\/buscador_20179478954\/corteconstitucionalcronologico202454587\/t-527-01\/\" class=\"_self\" target=\"_self\" >T-527-01<\/a><\/h4>\n<div class=\"pt-cv-content\">\u00a0 \u00a0 Sentencia T-527\/01 \u00a0 LIBERTAD SINDICAL-Alcance\/LIBERTAD DE ASOCIACION SINDICAL-Alcance \u00a0 LEGITIMACION POR ACTIVA DEL SINDICATO-Ente colectivo\/LEGITIMACI\u00d3N POR ACTIVA EN TUTELA-Ausencia \u00a0 Es el Sindicato el legitimado para invocar la violaci\u00f3n de sus derechos, al observarse que existe m\u00e1s un inter\u00e9s colectivo que individual en el derecho que se invoca, estando radicado \u00e9ste en cabeza de la Asociaci\u00f3n Sindical como titular del mismo y dado que \u00e9sta no intervino como actor en ninguna de las acciones de tutela, resulta improcedente la presente acci\u00f3n por falta de legitimaci\u00f3n activa de los actores quienes ejercieron la misma a t\u00edtulo individual.\u00a0 \u00a0 MEDIO ...<br \/><div class=\"pt-cv-rmwrap\"><a href=\"https:\/\/www.dmsjuridica.com\/buscador_20179478954\/corteconstitucionalcronologico202454587\/t-527-01\/\" class=\"_self pt-cv-readmore btn btn-success\" target=\"_self\">Ver Sentencia Completa...<\/a><\/div><\/div><\/div><\/div>\n<div class=\"col-md-12 col-sm-12 col-xs-12 pt-cv-content-item pt-cv-1-col\" ><div class='pt-cv-ifield'><a href=\"https:\/\/www.dmsjuridica.com\/buscador_20179478954\/corteconstitucionalcronologico202454587\/t-526-01\/\" class=\"_self pt-cv-href-thumbnail pt-cv-thumb-default\" target=\"_self\" ><\/a>\n<div class=\"pt-cv-taxoterm above_title\"><a href='https:\/\/www.dmsjuridica.com\/buscador_20179478954\/corteconstitucionalcronologico202454587\/category\/buscar-en-toda-la-corte\/2001\/tutelas-2001\/' title='Tutelas 2001' class='pt-cv-tax-tutelas-2001'>Tutelas 2001<\/a><\/div>\n<h4 class=\"pt-cv-title\"><a href=\"https:\/\/www.dmsjuridica.com\/buscador_20179478954\/corteconstitucionalcronologico202454587\/t-526-01\/\" class=\"_self\" target=\"_self\" >T-526-01<\/a><\/h4>\n<div class=\"pt-cv-content\">\u00a0 \u00a0 Sentencia T-526\/01 \u00a0 VIA DE HECHO-Clases de defectos en la actuaci\u00f3n \u00a0 La jurisprudencia de esta Corporaci\u00f3n ha manifestado que la regla general es la improcedencia de la tutela contra decisiones judiciales, pero esa regla tiene excepciones en aquellos casos en los cuales la acci\u00f3n p\u00fablica de tutela es interpuesta contra una evidente y ostensible v\u00eda de hecho. En relaci\u00f3n con la v\u00eda de hecho la Corte Constitucional ha elaborado una doctrina a partir de la sentencia C-543 de 1992, que ha sido reiterada en muchas providencias proferidas por esta Corte, mediante la cual se ha establecido que ...<br \/><div class=\"pt-cv-rmwrap\"><a href=\"https:\/\/www.dmsjuridica.com\/buscador_20179478954\/corteconstitucionalcronologico202454587\/t-526-01\/\" class=\"_self pt-cv-readmore btn btn-success\" target=\"_self\">Ver Sentencia Completa...<\/a><\/div><\/div><\/div><\/div>\n<div class=\"col-md-12 col-sm-12 col-xs-12 pt-cv-content-item pt-cv-1-col\" ><div class='pt-cv-ifield'><a href=\"https:\/\/www.dmsjuridica.com\/buscador_20179478954\/corteconstitucionalcronologico202454587\/t-525-01\/\" class=\"_self pt-cv-href-thumbnail pt-cv-thumb-default\" target=\"_self\" ><\/a>\n<div class=\"pt-cv-taxoterm above_title\"><a href='https:\/\/www.dmsjuridica.com\/buscador_20179478954\/corteconstitucionalcronologico202454587\/category\/buscar-en-toda-la-corte\/2001\/tutelas-2001\/' title='Tutelas 2001' class='pt-cv-tax-tutelas-2001'>Tutelas 2001<\/a><\/div>\n<h4 class=\"pt-cv-title\"><a href=\"https:\/\/www.dmsjuridica.com\/buscador_20179478954\/corteconstitucionalcronologico202454587\/t-525-01\/\" class=\"_self\" target=\"_self\" >T-525-01<\/a><\/h4>\n<div class=\"pt-cv-content\">\u00a0 \u00a0 Sentencia T-525\/01 \u00a0 DERECHO DE PARTICIPACION DE LA COMUNIDAD EDUCATIVA UNIVERSITARIA EN LA ELECCION DE SUS DIRECTIVAS-Elecci\u00f3n y nombramiento de Director de Escuela de Derecho de Universidad \u00a0 Existe el derecho a la participaci\u00f3n de la comunidad universitaria para la elecci\u00f3n de todas o algunas de sus directivas, bien sea directamente, o a trav\u00e9s de sus representantes ante los \u00f3rganos de direcci\u00f3n, o por parte de uno s\u00f3lo o algunos de sus estamentos; y que la correspondiente elecci\u00f3n se realiza de acuerdo con los Estatutos de la universidad, y \u00e9stos, a su vez, se expiden de conformidad con ...<br \/><div class=\"pt-cv-rmwrap\"><a href=\"https:\/\/www.dmsjuridica.com\/buscador_20179478954\/corteconstitucionalcronologico202454587\/t-525-01\/\" class=\"_self pt-cv-readmore btn btn-success\" target=\"_self\">Ver Sentencia Completa...<\/a><\/div><\/div><\/div><\/div>\n<div class=\"col-md-12 col-sm-12 col-xs-12 pt-cv-content-item pt-cv-1-col\" ><div class='pt-cv-ifield'><a href=\"https:\/\/www.dmsjuridica.com\/buscador_20179478954\/corteconstitucionalcronologico202454587\/t-524-01\/\" class=\"_self pt-cv-href-thumbnail pt-cv-thumb-default\" target=\"_self\" ><\/a>\n<div class=\"pt-cv-taxoterm above_title\"><a href='https:\/\/www.dmsjuridica.com\/buscador_20179478954\/corteconstitucionalcronologico202454587\/category\/buscar-en-toda-la-corte\/2001\/tutelas-2001\/' title='Tutelas 2001' class='pt-cv-tax-tutelas-2001'>Tutelas 2001<\/a><\/div>\n<h4 class=\"pt-cv-title\"><a href=\"https:\/\/www.dmsjuridica.com\/buscador_20179478954\/corteconstitucionalcronologico202454587\/t-524-01\/\" class=\"_self\" target=\"_self\" >T-524-01<\/a><\/h4>\n<div class=\"pt-cv-content\">\u00a0 \u00a0 Sentencia T-524\/01 \u00a0 DERECHO A LA SALUD-Fundamental por conexidad con la vida\/DERECHO A LA DIGNIDAD HUMANA-Vulneraci\u00f3n por no realizar cirug\u00eda excluida del POS a persona de la tercera edad\/ADMINISTRADORA DEL REGIMEN SUBSIDIADO-Informaci\u00f3n al afiliado sobre posibilidad de atenci\u00f3n en servicio no incluido en POS \u00a0 Cuando a una persona afiliada al r\u00e9gimen subsidiado se le niega un servicio por no estar contemplado en el P.O.S.S., la A.R.S. junto con las autoridades administrativas del sector salud, tiene la responsabilidad de informarle claramente al interesado qui\u00e9n le prestar\u00e1 el servicio y acompa\u00f1ar al afiliado en el tr\u00e1mite para reclamar la ...<br \/><div class=\"pt-cv-rmwrap\"><a href=\"https:\/\/www.dmsjuridica.com\/buscador_20179478954\/corteconstitucionalcronologico202454587\/t-524-01\/\" class=\"_self pt-cv-readmore btn btn-success\" target=\"_self\">Ver Sentencia Completa...<\/a><\/div><\/div><\/div><\/div>\n<div class=\"col-md-12 col-sm-12 col-xs-12 pt-cv-content-item pt-cv-1-col\" ><div class='pt-cv-ifield'><a href=\"https:\/\/www.dmsjuridica.com\/buscador_20179478954\/corteconstitucionalcronologico202454587\/t-523-01\/\" class=\"_self pt-cv-href-thumbnail pt-cv-thumb-default\" target=\"_self\" ><\/a>\n<div class=\"pt-cv-taxoterm above_title\"><a href='https:\/\/www.dmsjuridica.com\/buscador_20179478954\/corteconstitucionalcronologico202454587\/category\/buscar-en-toda-la-corte\/2001\/tutelas-2001\/' title='Tutelas 2001' class='pt-cv-tax-tutelas-2001'>Tutelas 2001<\/a><\/div>\n<h4 class=\"pt-cv-title\"><a href=\"https:\/\/www.dmsjuridica.com\/buscador_20179478954\/corteconstitucionalcronologico202454587\/t-523-01\/\" class=\"_self\" target=\"_self\" >T-523-01<\/a><\/h4>\n<div class=\"pt-cv-content\">\u00a0 \u00a0 Sentencia T-523\/01 \u00a0 DERECHO A LA SALUD DEL ENFERMO DE SIDA-Suministro de medicamentos sin cumplir periodo m\u00ednimo de cotizaci\u00f3n\/JUEZ DE TUTELA-Deber de practicar pruebas \u00a0 Referencia: expediente T-416074 \u00a0 Acci\u00f3n de tutela instaurada por Carlos Humberto Ruiz Salamanca contra Salud Colpatria E.P.S. \u00a0 Magistrado Ponente:\u00a0 \u00a0 Dr. MANUEL JOSE CEPEDA ESPINOSA \u00a0 Bogot\u00e1, D.C., mayo dieciocho (18) de dos mil uno (2001) \u00a0 La Sala Tercera de Revisi\u00f3n de la Corte Constitucional, integrada por los magistrados, Manuel Jos\u00e9 Cepeda Espinosa, Jaime C\u00f3rdoba Trivi\u00f1o y Rodrigo Escobar Gil, en ejercicio de sus competencias constitucionales y legales, ha proferido la ...<br \/><div class=\"pt-cv-rmwrap\"><a href=\"https:\/\/www.dmsjuridica.com\/buscador_20179478954\/corteconstitucionalcronologico202454587\/t-523-01\/\" class=\"_self pt-cv-readmore btn btn-success\" target=\"_self\">Ver Sentencia Completa...<\/a><\/div><\/div><\/div><\/div>\n<div class=\"col-md-12 col-sm-12 col-xs-12 pt-cv-content-item pt-cv-1-col\" ><div class='pt-cv-ifield'><a href=\"https:\/\/www.dmsjuridica.com\/buscador_20179478954\/corteconstitucionalcronologico202454587\/t-522-01\/\" class=\"_self pt-cv-href-thumbnail pt-cv-thumb-default\" target=\"_self\" ><\/a>\n<div class=\"pt-cv-taxoterm above_title\"><a href='https:\/\/www.dmsjuridica.com\/buscador_20179478954\/corteconstitucionalcronologico202454587\/category\/buscar-en-toda-la-corte\/2001\/tutelas-2001\/' title='Tutelas 2001' class='pt-cv-tax-tutelas-2001'>Tutelas 2001<\/a><\/div>\n<h4 class=\"pt-cv-title\"><a href=\"https:\/\/www.dmsjuridica.com\/buscador_20179478954\/corteconstitucionalcronologico202454587\/t-522-01\/\" class=\"_self\" target=\"_self\" >T-522-01<\/a><\/h4>\n<div class=\"pt-cv-content\">\u00a0 \u00a0 Sentencia T-522\/01 \u00a0 VIA DE HECHO POR NO APLICACION DE EXCEPCION DE INCONSTITUCIONALIDAD-No concesi\u00f3n de beneficio de detenci\u00f3n domiciliaria por tener como criterio s\u00f3lo el del juez competente \u00a0 Incurre en una v\u00eda de hecho por razones sustanciales el funcionario judicial que tome una decisi\u00f3n con base en una disposici\u00f3n: (1) cuyo contenido normativo es evidentemente contra\u00adrio a la Consti\u00adtu\u00adci\u00f3n, porque la Corte Constitucional previamente as\u00ed lo declar\u00f3 con efectos erga omnes, (2) cuyo sentido y aplicaci\u00f3n claramente compromete derechos funda\u00admentales, y (3) cuya incompatibilidad ha sido alegada por el interesado, invocando el respeto a una sentencia de ...<br \/><div class=\"pt-cv-rmwrap\"><a href=\"https:\/\/www.dmsjuridica.com\/buscador_20179478954\/corteconstitucionalcronologico202454587\/t-522-01\/\" class=\"_self pt-cv-readmore btn btn-success\" target=\"_self\">Ver Sentencia Completa...<\/a><\/div><\/div><\/div><\/div>\n<div class=\"col-md-12 col-sm-12 col-xs-12 pt-cv-content-item pt-cv-1-col\" ><div class='pt-cv-ifield'><a href=\"https:\/\/www.dmsjuridica.com\/buscador_20179478954\/corteconstitucionalcronologico202454587\/t-521-01\/\" class=\"_self pt-cv-href-thumbnail pt-cv-thumb-default\" target=\"_self\" ><\/a>\n<div class=\"pt-cv-taxoterm above_title\"><a href='https:\/\/www.dmsjuridica.com\/buscador_20179478954\/corteconstitucionalcronologico202454587\/category\/buscar-en-toda-la-corte\/2001\/tutelas-2001\/' title='Tutelas 2001' class='pt-cv-tax-tutelas-2001'>Tutelas 2001<\/a><\/div>\n<h4 class=\"pt-cv-title\"><a href=\"https:\/\/www.dmsjuridica.com\/buscador_20179478954\/corteconstitucionalcronologico202454587\/t-521-01\/\" class=\"_self\" target=\"_self\" >T-521-01<\/a><\/h4>\n<div class=\"pt-cv-content\">\u00a0 \u00a0 Sentencia T-521\/01 \u00a0 DERECHO A LA SALUD-Fundamental por conexidad \u00a0 DERECHO A LA SALUD DEL INTERNO-Preservaci\u00f3n por el Estado\/DERECHO A LA SALUD DEL INTERNO-Atenci\u00f3n m\u00e9dica adecuada, digna y oportuna\/ESTABLECIMIENTO CARCELARIO-Atenci\u00f3n m\u00e9dica adecuada, digna y oportuna de presos \u00a0 SISTEMA CARCELARIO-Fallas administrativas en atenci\u00f3n de salud de internos no excusa al Estado en el cumplimiento de sus deberes \u00a0 Esta corporaci\u00f3n ha sido enf\u00e1tica en rechazar la falta de recursos o las fallas de la administraci\u00f3n carcelaria y penitenciaria para proveer atenci\u00f3n de salud adecuada y oportuna para los internos, como excusa para exonerar al Estado del cumplimiento de ...<br \/><div class=\"pt-cv-rmwrap\"><a href=\"https:\/\/www.dmsjuridica.com\/buscador_20179478954\/corteconstitucionalcronologico202454587\/t-521-01\/\" class=\"_self pt-cv-readmore btn btn-success\" target=\"_self\">Ver Sentencia Completa...<\/a><\/div><\/div><\/div><\/div>\n<div class=\"col-md-12 col-sm-12 col-xs-12 pt-cv-content-item pt-cv-1-col\" ><div class='pt-cv-ifield'><a href=\"https:\/\/www.dmsjuridica.com\/buscador_20179478954\/corteconstitucionalcronologico202454587\/t-520-01\/\" class=\"_self pt-cv-href-thumbnail pt-cv-thumb-default\" target=\"_self\" ><\/a>\n<div class=\"pt-cv-taxoterm above_title\"><a href='https:\/\/www.dmsjuridica.com\/buscador_20179478954\/corteconstitucionalcronologico202454587\/category\/buscar-en-toda-la-corte\/2001\/tutelas-2001\/' title='Tutelas 2001' class='pt-cv-tax-tutelas-2001'>Tutelas 2001<\/a><\/div>\n<h4 class=\"pt-cv-title\"><a href=\"https:\/\/www.dmsjuridica.com\/buscador_20179478954\/corteconstitucionalcronologico202454587\/t-520-01\/\" class=\"_self\" target=\"_self\" >T-520-01<\/a><\/h4>\n<div class=\"pt-cv-content\">\u00a0 \u00a0 Sentencia T-520\/01 \u00a0 ACCION DE TUTELA-Procedencia excepcional pago de acreencias laborales \u00a0 DERECHO AL MINIMO VITAL DEL TRABAJADOR-Presunci\u00f3n de afectaci\u00f3n por ausencia prolongada en pago de salarios \u00a0 Referencia: expediente T-411146. Acci\u00f3n de tutela formulada por Tom\u00e1s Gregorio Pastrana Nieto contra los municipios de Zona Bananera y Ci\u00e9naga del departamento del Magdalena.\u00a0 \u00a0 Magistrada Ponente: \u00a0 Dra. CLARA INES VARGAS HERNANDEZ \u00a0 Bogot\u00e1, \u00a0D. C., diecisiete (17) de mayo de dos mil uno (2001). \u00a0 La Sala Novena de Revisi\u00f3n de Tutelas de la Corte Constitucional, integrada por \u00a0los Magistrados CLARA INES VARGAS HERNANDEZ, JAIME ARAUJO RENTERIA y ...<br \/><div class=\"pt-cv-rmwrap\"><a href=\"https:\/\/www.dmsjuridica.com\/buscador_20179478954\/corteconstitucionalcronologico202454587\/t-520-01\/\" class=\"_self pt-cv-readmore btn btn-success\" target=\"_self\">Ver Sentencia Completa...<\/a><\/div><\/div><\/div><\/div>\n<div class=\"col-md-12 col-sm-12 col-xs-12 pt-cv-content-item pt-cv-1-col\" ><div class='pt-cv-ifield'><a href=\"https:\/\/www.dmsjuridica.com\/buscador_20179478954\/corteconstitucionalcronologico202454587\/t-519-01\/\" class=\"_self pt-cv-href-thumbnail pt-cv-thumb-default\" target=\"_self\" ><\/a>\n<div class=\"pt-cv-taxoterm above_title\"><a href='https:\/\/www.dmsjuridica.com\/buscador_20179478954\/corteconstitucionalcronologico202454587\/category\/buscar-en-toda-la-corte\/2001\/tutelas-2001\/' title='Tutelas 2001' class='pt-cv-tax-tutelas-2001'>Tutelas 2001<\/a><\/div>\n<h4 class=\"pt-cv-title\"><a href=\"https:\/\/www.dmsjuridica.com\/buscador_20179478954\/corteconstitucionalcronologico202454587\/t-519-01\/\" class=\"_self\" target=\"_self\" >T-519-01<\/a><\/h4>\n<div class=\"pt-cv-content\">\u00a0 \u00a0 Sentencia T-519\/01 \u00a0 LEGITIMACION POR PASIVA EN TUTELA\/DERECHO A LA SEGURIDAD SOCIAL EN SALUD-Mora en pago de aportes patronales \u00a0 Si la vulneraci\u00f3n de los derechos fundamentales invocados por los accionantes no es atribuible a la entidad accionada sino a la firma \"Acriglas S. A.\", por \u00a0consiguiente, la acci\u00f3n de tutela no puede prosperar. Por ello, el fallo revisado ser\u00e1 confirmado, no sin llamar la atenci\u00f3n de todos los demandantes en cuanto a que, seg\u00fan qued\u00f3 visto, perfectamente pueden exigir a su empleador, en caso de que no haya cumplido con la obligaci\u00f3n legal de cotizar los aportes ...<br \/><div class=\"pt-cv-rmwrap\"><a href=\"https:\/\/www.dmsjuridica.com\/buscador_20179478954\/corteconstitucionalcronologico202454587\/t-519-01\/\" class=\"_self pt-cv-readmore btn btn-success\" target=\"_self\">Ver Sentencia Completa...<\/a><\/div><\/div><\/div><\/div>\n<div class=\"col-md-12 col-sm-12 col-xs-12 pt-cv-content-item pt-cv-1-col\" ><div class='pt-cv-ifield'><a href=\"https:\/\/www.dmsjuridica.com\/buscador_20179478954\/corteconstitucionalcronologico202454587\/t-518-01\/\" class=\"_self pt-cv-href-thumbnail pt-cv-thumb-default\" target=\"_self\" ><\/a>\n<div class=\"pt-cv-taxoterm above_title\"><a href='https:\/\/www.dmsjuridica.com\/buscador_20179478954\/corteconstitucionalcronologico202454587\/category\/buscar-en-toda-la-corte\/2001\/tutelas-2001\/' title='Tutelas 2001' class='pt-cv-tax-tutelas-2001'>Tutelas 2001<\/a><\/div>\n<h4 class=\"pt-cv-title\"><a href=\"https:\/\/www.dmsjuridica.com\/buscador_20179478954\/corteconstitucionalcronologico202454587\/t-518-01\/\" class=\"_self\" target=\"_self\" >T-518-01<\/a><\/h4>\n<div class=\"pt-cv-content\">\u00a0 \u00a0 Sentencia T-518\/01 \u00a0 DERECHO DE PETICION-Alcance y contenido \u00a0 DERECHO DE PETICION-N\u00facleo esencial \u00a0 ACCION DE TUTELA-Improcedencia para definir entidad responsable de pensi\u00f3n\/PENSION DE JUBILACION-Improcedencia de tutela para definir entidad responsable de pensi\u00f3n \u00a0 ACCION DE TUTELA-Improcedencia general pago de acreencias laborales \u00a0 Referencia: expediente T-399266. Acci\u00f3n de tutela interpuesta por Jos\u00e9 Miguel Mercado Salcedo contra el Hospital Local de Tenerife (Magdalena).\u00a0 \u00a0 Magistrada ponente: \u00a0 Dra. CLARA INES VARGAS HERNANDEZ \u00a0 Bogot\u00e1, \u00a0D. C., diecisiete (17) de mayo de dos mil uno (2001).\u00a0 \u00a0 La Sala Novena de Revisi\u00f3n de Tutelas de la Corte Constitucional, conformada por ...<br \/><div class=\"pt-cv-rmwrap\"><a href=\"https:\/\/www.dmsjuridica.com\/buscador_20179478954\/corteconstitucionalcronologico202454587\/t-518-01\/\" class=\"_self pt-cv-readmore btn btn-success\" target=\"_self\">Ver Sentencia Completa...<\/a><\/div><\/div><\/div><\/div>\n<div class=\"col-md-12 col-sm-12 col-xs-12 pt-cv-content-item pt-cv-1-col\" ><div class='pt-cv-ifield'><a href=\"https:\/\/www.dmsjuridica.com\/buscador_20179478954\/corteconstitucionalcronologico202454587\/t-517-01\/\" class=\"_self pt-cv-href-thumbnail pt-cv-thumb-default\" target=\"_self\" ><\/a>\n<div class=\"pt-cv-taxoterm above_title\"><a href='https:\/\/www.dmsjuridica.com\/buscador_20179478954\/corteconstitucionalcronologico202454587\/category\/buscar-en-toda-la-corte\/2001\/tutelas-2001\/' title='Tutelas 2001' class='pt-cv-tax-tutelas-2001'>Tutelas 2001<\/a><\/div>\n<h4 class=\"pt-cv-title\"><a href=\"https:\/\/www.dmsjuridica.com\/buscador_20179478954\/corteconstitucionalcronologico202454587\/t-517-01\/\" class=\"_self\" target=\"_self\" >T-517-01<\/a><\/h4>\n<div class=\"pt-cv-content\">\u00a0 \u00a0 Sentencia T-517\/01 \u00a0 Referencia: expediente T-397680. Acci\u00f3n de tutela interpuesta por Magalys Felicia Dumar Alvarez contra Cajanal E. P. S., Seccional C\u00f3rdoba. \u00a0 Magistrada Ponente: \u00a0 Dra. CLARA INES VARGAS HERNANDEZ. \u00a0 Bogot\u00e1, \u00a0D. C., diecisiete (17) de mayo de dos mil uno (2001). \u00a0 La Sala Novena de Revisi\u00f3n de la Corte Constitucional, en ejercicio de sus competencias constitucionales y legales, concretamente las previstas en los art\u00edculos 86 y 241, numeral 9, de la Constituci\u00f3n Pol\u00edtica y en el decreto 2591 de 1991, dicta la siguiente \u00a0 SENTENCIA \u00a0 Mediante la cual finaliza el proceso de revisi\u00f3n ...<br \/><div class=\"pt-cv-rmwrap\"><a href=\"https:\/\/www.dmsjuridica.com\/buscador_20179478954\/corteconstitucionalcronologico202454587\/t-517-01\/\" class=\"_self pt-cv-readmore btn btn-success\" target=\"_self\">Ver Sentencia Completa...<\/a><\/div><\/div><\/div><\/div>\n<div class=\"col-md-12 col-sm-12 col-xs-12 pt-cv-content-item pt-cv-1-col\" ><div class='pt-cv-ifield'><a href=\"https:\/\/www.dmsjuridica.com\/buscador_20179478954\/corteconstitucionalcronologico202454587\/t-516-01\/\" class=\"_self pt-cv-href-thumbnail pt-cv-thumb-default\" target=\"_self\" ><\/a>\n<div class=\"pt-cv-taxoterm above_title\"><a href='https:\/\/www.dmsjuridica.com\/buscador_20179478954\/corteconstitucionalcronologico202454587\/category\/buscar-en-toda-la-corte\/2001\/tutelas-2001\/' title='Tutelas 2001' class='pt-cv-tax-tutelas-2001'>Tutelas 2001<\/a><\/div>\n<h4 class=\"pt-cv-title\"><a href=\"https:\/\/www.dmsjuridica.com\/buscador_20179478954\/corteconstitucionalcronologico202454587\/t-516-01\/\" class=\"_self\" target=\"_self\" >T-516-01<\/a><\/h4>\n<div class=\"pt-cv-content\">\u00a0 \u00a0 Sentencia T-516\/01 \u00a0 ACCION DE TUTELA TEMERARIA-Operancia\/ACCION DE TUTELA TEMERARIA-Pluralidad de acciones \u00a0 Referencia: expediente T-413321 \u00a0 Acci\u00f3n de tutela instaurada por Antonio Luis Zabarain \u00a0 Procedencia: Consejo Seccional de la Judicatura del Magdalena \u00a0 Magistrado Ponente: \u00a0 Dr. MARCO GERARDO MONROY CABRA \u00a0 Bogot\u00e1, D.C., diecisiete (17) de mayo de dos mil uno (2001). \u00a0 La Sala Sexta de Revisi\u00f3n de la Corte Constitucional, integrada por los Magistrados doctores Eduardo Montealegre Lynett, Alvaro Tafur Galvis \u00a0y Marco Gerardo Monroy Cabra, quien la preside, en ejercicio de sus competencias constitucionales y legales, ha proferido la siguiente \u00a0 SENTENCIA ...<br \/><div class=\"pt-cv-rmwrap\"><a href=\"https:\/\/www.dmsjuridica.com\/buscador_20179478954\/corteconstitucionalcronologico202454587\/t-516-01\/\" class=\"_self pt-cv-readmore btn btn-success\" target=\"_self\">Ver Sentencia Completa...<\/a><\/div><\/div><\/div><\/div>\n<div class=\"col-md-12 col-sm-12 col-xs-12 pt-cv-content-item pt-cv-1-col\" ><div class='pt-cv-ifield'><a href=\"https:\/\/www.dmsjuridica.com\/buscador_20179478954\/corteconstitucionalcronologico202454587\/t-515-01\/\" class=\"_self pt-cv-href-thumbnail pt-cv-thumb-default\" target=\"_self\" ><\/a>\n<div class=\"pt-cv-taxoterm above_title\"><a href='https:\/\/www.dmsjuridica.com\/buscador_20179478954\/corteconstitucionalcronologico202454587\/category\/buscar-en-toda-la-corte\/2001\/tutelas-2001\/' title='Tutelas 2001' class='pt-cv-tax-tutelas-2001'>Tutelas 2001<\/a><\/div>\n<h4 class=\"pt-cv-title\"><a href=\"https:\/\/www.dmsjuridica.com\/buscador_20179478954\/corteconstitucionalcronologico202454587\/t-515-01\/\" class=\"_self\" target=\"_self\" >T-515-01<\/a><\/h4>\n<div class=\"pt-cv-content\">\u00a0 \u00a0 Sentencia T-515\/01 \u00a0 DERECHO AL MINIMO VITAL-Prueba de la amenaza \u00a0 DERECHO AL MINIMO VITAL-No afectaci\u00f3n por no pago de prima t\u00e9cnica \u00a0 Peticionario: Martha Consuelo Murillo Cepeda \u00a0 Procedencia: Juzgado Segundo Civil Municipal del L\u00edbano (Tolima) \u00a0 Magistrado Ponente: \u00a0 Dr. MARCO GERARDO MONROY CABRA \u00a0 Bogot\u00e1, D.C., diecisiete (17) de mayo de dos mil uno (2001) \u00a0 La Sala Sexta de Revisi\u00f3n de tutelas de la Corte Constitucional, conformada por los magistrados Drs. Marco Gerardo Monroy Cabra -quien la preside-, Eduardo Montealegre Lynett y Alvaro Tafur G\u00e1lvis, ha proferido la presente \u00a0 SENTENCIA \u00a0 en la ...<br \/><div class=\"pt-cv-rmwrap\"><a href=\"https:\/\/www.dmsjuridica.com\/buscador_20179478954\/corteconstitucionalcronologico202454587\/t-515-01\/\" class=\"_self pt-cv-readmore btn btn-success\" target=\"_self\">Ver Sentencia Completa...<\/a><\/div><\/div><\/div><\/div>\n<div class=\"col-md-12 col-sm-12 col-xs-12 pt-cv-content-item pt-cv-1-col\" ><div class='pt-cv-ifield'><a href=\"https:\/\/www.dmsjuridica.com\/buscador_20179478954\/corteconstitucionalcronologico202454587\/t-514-01\/\" class=\"_self pt-cv-href-thumbnail pt-cv-thumb-default\" target=\"_self\" ><\/a>\n<div class=\"pt-cv-taxoterm above_title\"><a href='https:\/\/www.dmsjuridica.com\/buscador_20179478954\/corteconstitucionalcronologico202454587\/category\/buscar-en-toda-la-corte\/2001\/tutelas-2001\/' title='Tutelas 2001' class='pt-cv-tax-tutelas-2001'>Tutelas 2001<\/a><\/div>\n<h4 class=\"pt-cv-title\"><a href=\"https:\/\/www.dmsjuridica.com\/buscador_20179478954\/corteconstitucionalcronologico202454587\/t-514-01\/\" class=\"_self\" target=\"_self\" >T-514-01<\/a><\/h4>\n<div class=\"pt-cv-content\">\u00a0 \u00a0 Sentencia T-514\/01 \u00a0 SISTEMA DE CARRERA-M\u00e9rito como elemento esencial \u00a0 CARRERA ADMINISTRATIVA-Finalidad \u00a0 DEBIDO PROCESO EN MATERIA DE CARRERA-Nombramiento de quien obtuvo el primer puesto \u00a0 CARRERA ADMINISTRATIVA-Calificaci\u00f3n referencial \u00a0 Referencia: expediente T-416168\u00a0 \u00a0 Magistrado Ponente:\u00a0 \u00a0 Dr. MARCO GERARDO MONROY CABRA \u00a0 Santa Fe de Bogot\u00e1, mayo diecisiete (17) de dos mil uno (2001) \u00a0 La Sala Sexta de Revisi\u00f3n de la Corte Constitucional, integrada por los Magistrados Marco Gerardo Monroy Cabra quien la preside, Eduardo Montealegre Lynett, y Alvaro Tafur Galvis, en ejercicio de sus competencias constitucionales y legales, ha proferido la siguiente \u00a0 \u00a0 \u00a0 ...<br \/><div class=\"pt-cv-rmwrap\"><a href=\"https:\/\/www.dmsjuridica.com\/buscador_20179478954\/corteconstitucionalcronologico202454587\/t-514-01\/\" class=\"_self pt-cv-readmore btn btn-success\" target=\"_self\">Ver Sentencia Completa...<\/a><\/div><\/div><\/div><\/div>\n<div class=\"col-md-12 col-sm-12 col-xs-12 pt-cv-content-item pt-cv-1-col\" ><div class='pt-cv-ifield'><a href=\"https:\/\/www.dmsjuridica.com\/buscador_20179478954\/corteconstitucionalcronologico202454587\/t-513-01\/\" class=\"_self pt-cv-href-thumbnail pt-cv-thumb-default\" target=\"_self\" ><\/a>\n<div class=\"pt-cv-taxoterm above_title\"><a href='https:\/\/www.dmsjuridica.com\/buscador_20179478954\/corteconstitucionalcronologico202454587\/category\/buscar-en-toda-la-corte\/2001\/tutelas-2001\/' title='Tutelas 2001' class='pt-cv-tax-tutelas-2001'>Tutelas 2001<\/a><\/div>\n<h4 class=\"pt-cv-title\"><a href=\"https:\/\/www.dmsjuridica.com\/buscador_20179478954\/corteconstitucionalcronologico202454587\/t-513-01\/\" class=\"_self\" target=\"_self\" >T-513-01<\/a><\/h4>\n<div class=\"pt-cv-content\">\u00a0 \u00a0 Sentencia T-513\/01 \u00a0 LICENCIA DE MATERNIDAD-Procedencia excepcional de tutela para el pago \u00a0 LICENCIA DE MATERNIDAD-Objeto \u00a0 EXCEPCION DE CONTRATO NO CUMPLIDO-No pago oportuno de aportes\/ALLANAMIENTO A LA MORA-Recibo de aportes debidos en salud \u00a0 PRINCIPIO DE CONTINUIDAD EN EL SERVICIO DE SALUD-Allanamiento a la mora por EPS \u00a0 PRINCIPIO DE FAVORABILIDAD NORMATIVA EN MATERIA DE LICENCIA DE MATERNIDAD-Pago \u00a0 Reiteraci\u00f3n de Jurisprudencia \u00a0 Referencia: expediente T-414290 \u00a0 Acci\u00f3n de tutela instaurada por Alcira del Carmen Tirado Cantillo contra el Instituto de Seguros Sociales - Seccional Atl\u00e1ntico-. \u00a0 Magistrado Ponente: \u00a0 Dr. EDUARDO MONTEALEGRE LYNETT \u00a0 Bogot\u00e1, D.C., ...<br \/><div class=\"pt-cv-rmwrap\"><a href=\"https:\/\/www.dmsjuridica.com\/buscador_20179478954\/corteconstitucionalcronologico202454587\/t-513-01\/\" class=\"_self pt-cv-readmore btn btn-success\" target=\"_self\">Ver Sentencia Completa...<\/a><\/div><\/div><\/div><\/div>\n<div class=\"col-md-12 col-sm-12 col-xs-12 pt-cv-content-item pt-cv-1-col\" ><div class='pt-cv-ifield'><a href=\"https:\/\/www.dmsjuridica.com\/buscador_20179478954\/corteconstitucionalcronologico202454587\/t-512-01\/\" class=\"_self pt-cv-href-thumbnail pt-cv-thumb-default\" target=\"_self\" ><\/a>\n<div class=\"pt-cv-taxoterm above_title\"><a href='https:\/\/www.dmsjuridica.com\/buscador_20179478954\/corteconstitucionalcronologico202454587\/category\/buscar-en-toda-la-corte\/2001\/tutelas-2001\/' title='Tutelas 2001' class='pt-cv-tax-tutelas-2001'>Tutelas 2001<\/a><\/div>\n<h4 class=\"pt-cv-title\"><a href=\"https:\/\/www.dmsjuridica.com\/buscador_20179478954\/corteconstitucionalcronologico202454587\/t-512-01\/\" class=\"_self\" target=\"_self\" >T-512-01<\/a><\/h4>\n<div class=\"pt-cv-content\">\u00a0 \u00a0 Sentencia T-512\/01 \u00a0 DERECHO DE ASOCIACION SINDICAL-Desconocimiento por despido colectivo de trabajadores \u00a0 ADMINISTRACION PUBLICA-Fundamentos del proceso de reestructuraci\u00f3n \u00a0 ESTRUCTURA DE LA ADMINISTRACION NACIONAL-No es intangible\/ADMINISTRACION PUBLICA-Reestructuraci\u00f3n \u00a0 DERECHO AL TRABAJO EN CONDICIONES DIGNAS Y JUSTAS-Protecci\u00f3n ante privatizaci\u00f3n o reestructuraci\u00f3n de entidades \u00a0 PROCESO DE REESTRUCTURACION-Alcance \u00a0 Los procesos de reestructuraci\u00f3n pueden tener intensidades distintas. As\u00ed, pueden limitarse a una simple reordenaci\u00f3n de las funciones internas de una entidad p\u00fablica o llegar al extremo de suprimir total o parcialmente algunas de las funciones. Las decisiones en esta materia tienen efectos diversos frente a los trabajadores y, por ...<br \/><div class=\"pt-cv-rmwrap\"><a href=\"https:\/\/www.dmsjuridica.com\/buscador_20179478954\/corteconstitucionalcronologico202454587\/t-512-01\/\" class=\"_self pt-cv-readmore btn btn-success\" target=\"_self\">Ver Sentencia Completa...<\/a><\/div><\/div><\/div><\/div>\n<div class=\"col-md-12 col-sm-12 col-xs-12 pt-cv-content-item pt-cv-1-col\" ><div class='pt-cv-ifield'><a href=\"https:\/\/www.dmsjuridica.com\/buscador_20179478954\/corteconstitucionalcronologico202454587\/t-511-01\/\" class=\"_self pt-cv-href-thumbnail pt-cv-thumb-default\" target=\"_self\" ><\/a>\n<div class=\"pt-cv-taxoterm above_title\"><a href='https:\/\/www.dmsjuridica.com\/buscador_20179478954\/corteconstitucionalcronologico202454587\/category\/buscar-en-toda-la-corte\/2001\/tutelas-2001\/' title='Tutelas 2001' class='pt-cv-tax-tutelas-2001'>Tutelas 2001<\/a><\/div>\n<h4 class=\"pt-cv-title\"><a href=\"https:\/\/www.dmsjuridica.com\/buscador_20179478954\/corteconstitucionalcronologico202454587\/t-511-01\/\" class=\"_self\" target=\"_self\" >T-511-01<\/a><\/h4>\n<div class=\"pt-cv-content\">\u00a0 \u00a0 Sentencia T-511\/01 \u00a0 ACCION DE TUTELA CONTRA PROVIDENCIAS JUDICIALES-Procedencia excepcional por v\u00eda de hecho judicial \u00a0 La Corte ha reconocido la procedencia de tutela por v\u00eda de hecho, cuando el funcionario desconoce la cosa juzgada constitucional y, con ello, la propia Constituci\u00f3n Pol\u00edtica. \u00a0No se trata, sin embargo, de dar simple aplicaci\u00f3n de la parte resolutiva de una sentencia, sino que debe prestarse especial atenci\u00f3n a la ratio decidendi de la misma. Solamente si la actuaci\u00f3n del Juzgado se configura como v\u00eda de hecho, bien sea por defecto sustantivo, procedimental, f\u00e1ctico u org\u00e1nico, la acci\u00f3n de tutela puede ...<br \/><div class=\"pt-cv-rmwrap\"><a href=\"https:\/\/www.dmsjuridica.com\/buscador_20179478954\/corteconstitucionalcronologico202454587\/t-511-01\/\" class=\"_self pt-cv-readmore btn btn-success\" target=\"_self\">Ver Sentencia Completa...<\/a><\/div><\/div><\/div><\/div>\n<div class=\"col-md-12 col-sm-12 col-xs-12 pt-cv-content-item pt-cv-1-col\" ><div class='pt-cv-ifield'><a href=\"https:\/\/www.dmsjuridica.com\/buscador_20179478954\/corteconstitucionalcronologico202454587\/t-510-01\/\" class=\"_self pt-cv-href-thumbnail pt-cv-thumb-default\" target=\"_self\" ><\/a>\n<div class=\"pt-cv-taxoterm above_title\"><a href='https:\/\/www.dmsjuridica.com\/buscador_20179478954\/corteconstitucionalcronologico202454587\/category\/buscar-en-toda-la-corte\/2001\/tutelas-2001\/' title='Tutelas 2001' class='pt-cv-tax-tutelas-2001'>Tutelas 2001<\/a><\/div>\n<h4 class=\"pt-cv-title\"><a href=\"https:\/\/www.dmsjuridica.com\/buscador_20179478954\/corteconstitucionalcronologico202454587\/t-510-01\/\" class=\"_self\" target=\"_self\" >T-510-01<\/a><\/h4>\n<div class=\"pt-cv-content\">\u00a0 \u00a0 Sentencia T-510\/01 \u00a0 DERECHO DE PETICION-Solicitud a empresa en liquidaci\u00f3n obligatoria \u00a0 La Sala reconoce el derecho del actor a invocar la protecci\u00f3n del juez constitucional para que se pague cumplida y oportunamente su mesada pensional, por lo tanto se ordenar\u00e1 a la liquidadora designada por la Superintendencia de Sociedades, para el efecto, que adelante las diligencias tendientes a obtener los recursos que le permitan hacerlo, realizando los activos sociales, si es del caso, entre los que se cuentan los derechos litigiosos, los que -como la misma lo indica-, bien podr\u00edan ofrecerse al actor por cuenta de su ...<br \/><div class=\"pt-cv-rmwrap\"><a href=\"https:\/\/www.dmsjuridica.com\/buscador_20179478954\/corteconstitucionalcronologico202454587\/t-510-01\/\" class=\"_self pt-cv-readmore btn btn-success\" target=\"_self\">Ver Sentencia Completa...<\/a><\/div><\/div><\/div><\/div>\n<div class=\"col-md-12 col-sm-12 col-xs-12 pt-cv-content-item pt-cv-1-col\" ><div class='pt-cv-ifield'><a href=\"https:\/\/www.dmsjuridica.com\/buscador_20179478954\/corteconstitucionalcronologico202454587\/t-499-01\/\" class=\"_self pt-cv-href-thumbnail pt-cv-thumb-default\" target=\"_self\" ><\/a>\n<div class=\"pt-cv-taxoterm above_title\"><a href='https:\/\/www.dmsjuridica.com\/buscador_20179478954\/corteconstitucionalcronologico202454587\/category\/buscar-en-toda-la-corte\/2001\/tutelas-2001\/' title='Tutelas 2001' class='pt-cv-tax-tutelas-2001'>Tutelas 2001<\/a><\/div>\n<h4 class=\"pt-cv-title\"><a href=\"https:\/\/www.dmsjuridica.com\/buscador_20179478954\/corteconstitucionalcronologico202454587\/t-499-01\/\" class=\"_self\" target=\"_self\" >T-499-01<\/a><\/h4>\n<div class=\"pt-cv-content\">\u00a0 \u00a0 Sentencia T-499\/01 \u00a0 Referencia: expediente T-395120 \u00a0 Acci\u00f3n de Tutela incoada por Sandra Felisa Mu\u00f1oz Bravo contra el Director del Hospital Universitario de San Jos\u00e9, de Popay\u00e1n. \u00a0 Magistrado Ponente:\u00a0 \u00a0 Dr. ALVARO TAFUR GALVIS \u00a0 Bogot\u00e1 D.C., mayo catorce (14) del a\u00f1o dos mil uno (2.001). \u00a0 La Sala Octava de Revisi\u00f3n de Tutelas de la Corte Constitucional, compuesta por los Magistrados Alvaro Tafur Galvis, Clara In\u00e9s Vargas Hern\u00e1ndez y Jaime Araujo Renter\u00eda, en ejercicio de sus competencias constitucionales y legales, ha proferido la siguiente, \u00a0 SENTENCIA \u00a0 dentro del proceso de revisi\u00f3n de los fallos proferidos ...<br \/><div class=\"pt-cv-rmwrap\"><a href=\"https:\/\/www.dmsjuridica.com\/buscador_20179478954\/corteconstitucionalcronologico202454587\/t-499-01\/\" class=\"_self pt-cv-readmore btn btn-success\" target=\"_self\">Ver Sentencia Completa...<\/a><\/div><\/div><\/div><\/div>\n<div class=\"col-md-12 col-sm-12 col-xs-12 pt-cv-content-item pt-cv-1-col\" ><div class='pt-cv-ifield'><a href=\"https:\/\/www.dmsjuridica.com\/buscador_20179478954\/corteconstitucionalcronologico202454587\/t-498-01\/\" class=\"_self pt-cv-href-thumbnail pt-cv-thumb-default\" target=\"_self\" ><\/a>\n<div class=\"pt-cv-taxoterm above_title\"><a href='https:\/\/www.dmsjuridica.com\/buscador_20179478954\/corteconstitucionalcronologico202454587\/category\/buscar-en-toda-la-corte\/2001\/tutelas-2001\/' title='Tutelas 2001' class='pt-cv-tax-tutelas-2001'>Tutelas 2001<\/a><\/div>\n<h4 class=\"pt-cv-title\"><a href=\"https:\/\/www.dmsjuridica.com\/buscador_20179478954\/corteconstitucionalcronologico202454587\/t-498-01\/\" class=\"_self\" target=\"_self\" >T-498-01<\/a><\/h4>\n<div class=\"pt-cv-content\">ACCION DE TUTELA-Naturaleza \u00a0 JUEZ CONSTITUCIONAL-Improcedencia para sustituir a las autoridades en las competencias asignadas por la Constituci\u00f3n Pol\u00edtica \u00a0 GOBIERNO NACIONAL-Formulaci\u00f3n anual del presupuesto y ley de apropiaciones\/JUEZ DE TUTELA-Imposibilidad de modificar presupuesto para incremento salarial de servidores p\u00fablicos \u00a0 ACCION DE TUTELA TRANSITORIA-Improcedencia incremento salarial para servidores p\u00fablicos \u00a0 Reiteraci\u00f3n de Jurisprudencia \u00a0 Referencia: expedientes Acumulados: \u00a0T-323673 y \u00a0 T-324725. \u00a0 Acciones de tutela instauradas por Alfredo M\u00e1rquez y Ana Lucia Mancera Lara, contra la Naci\u00f3n, Ministerio de Hacienda y Cr\u00e9dito P\u00fablico y el Distrito Capital de Bogot\u00e1. \u00a0 Magistrado Ponente: \u00a0 Dr. ALVARO TAFUR GALVIS \u00a0 Bogot\u00e1 ...<br \/><div class=\"pt-cv-rmwrap\"><a href=\"https:\/\/www.dmsjuridica.com\/buscador_20179478954\/corteconstitucionalcronologico202454587\/t-498-01\/\" class=\"_self pt-cv-readmore btn btn-success\" target=\"_self\">Ver Sentencia Completa...<\/a><\/div><\/div><\/div><\/div>\n<div class=\"col-md-12 col-sm-12 col-xs-12 pt-cv-content-item pt-cv-1-col\" ><div class='pt-cv-ifield'><a href=\"https:\/\/www.dmsjuridica.com\/buscador_20179478954\/corteconstitucionalcronologico202454587\/t-497-01\/\" class=\"_self pt-cv-href-thumbnail pt-cv-thumb-default\" target=\"_self\" ><\/a>\n<div class=\"pt-cv-taxoterm above_title\"><a href='https:\/\/www.dmsjuridica.com\/buscador_20179478954\/corteconstitucionalcronologico202454587\/category\/buscar-en-toda-la-corte\/2001\/tutelas-2001\/' title='Tutelas 2001' class='pt-cv-tax-tutelas-2001'>Tutelas 2001<\/a><\/div>\n<h4 class=\"pt-cv-title\"><a href=\"https:\/\/www.dmsjuridica.com\/buscador_20179478954\/corteconstitucionalcronologico202454587\/t-497-01\/\" class=\"_self\" target=\"_self\" >T-497-01<\/a><\/h4>\n<div class=\"pt-cv-content\">\u00a0 \u00a0 Sentencia T-497\/01 \u00a0 ACCION DE TUTELA-Improcedencia general pago de acreencias laborales \u00a0 MEDIO DE DEFENSA JUDICIAL-Pago de acreencias laborales \u00a0 Reiteraci\u00f3n de Jurisprudencia \u00a0 Acci\u00f3n de tutela instaurada por Jos\u00e9 Domingo Vergara Bet\u00edn y otros contra el Municipio de Caimito - Sucre. \u00a0 Magistrado Ponente: \u00a0 Dr. ALVARO TAFUR GALVIS \u00a0 Bogot\u00e1, D.C., mayo catorce (14) de dos mil uno (2001). \u00a0 La Sala Octava de Revisi\u00f3n de la Corte Constitucional, en ejercicio de sus competencias constitucionales y legales, en particular las contenidas en los art\u00edculos 86 y 241, numeral 9, de la Constituci\u00f3n y el Decreto 2591 ...<br \/><div class=\"pt-cv-rmwrap\"><a href=\"https:\/\/www.dmsjuridica.com\/buscador_20179478954\/corteconstitucionalcronologico202454587\/t-497-01\/\" class=\"_self pt-cv-readmore btn btn-success\" target=\"_self\">Ver Sentencia Completa...<\/a><\/div><\/div><\/div><\/div>\n<div class=\"col-md-12 col-sm-12 col-xs-12 pt-cv-content-item pt-cv-1-col\" ><div class='pt-cv-ifield'><a href=\"https:\/\/www.dmsjuridica.com\/buscador_20179478954\/corteconstitucionalcronologico202454587\/t-496-01\/\" class=\"_self pt-cv-href-thumbnail pt-cv-thumb-default\" target=\"_self\" ><\/a>\n<div class=\"pt-cv-taxoterm above_title\"><a href='https:\/\/www.dmsjuridica.com\/buscador_20179478954\/corteconstitucionalcronologico202454587\/category\/buscar-en-toda-la-corte\/2001\/tutelas-2001\/' title='Tutelas 2001' class='pt-cv-tax-tutelas-2001'>Tutelas 2001<\/a><\/div>\n<h4 class=\"pt-cv-title\"><a href=\"https:\/\/www.dmsjuridica.com\/buscador_20179478954\/corteconstitucionalcronologico202454587\/t-496-01\/\" class=\"_self\" target=\"_self\" >T-496-01<\/a><\/h4>\n<div class=\"pt-cv-content\">\u00a0 \u00a0 Sentencia T-496\/01 \u00a0 ACCION DE TUTELA-Hecho superado\u00a0 \u00a0 Reiteraci\u00f3n de Jurisprudencia \u00a0 Referencia: expediente T-411884 \u00a0 Magistrado Ponente: \u00a0 Dr. ALVARO TAFUR GALVIS \u00a0 Bogot\u00e1, D.C., mayo catorce (14) de dos mil uno (2001). \u00a0 La Sala Octava de Revisi\u00f3n de la Corte Constitucional, en ejercicio de sus competencias constitucionales y legales, en particular las contenidas en los art\u00edculos 86 y 241, numeral 9, de la Constituci\u00f3n y el Decreto 2591 de 1991, ha proferido la siguiente \u00a0 SENTENCIA \u00a0 dentro del proceso de revisi\u00f3n del fallo proferido por el Juzgado Cuarenta y Ocho Penal Municipal de Bogot\u00e1, ...<br \/><div class=\"pt-cv-rmwrap\"><a href=\"https:\/\/www.dmsjuridica.com\/buscador_20179478954\/corteconstitucionalcronologico202454587\/t-496-01\/\" class=\"_self pt-cv-readmore btn btn-success\" target=\"_self\">Ver Sentencia Completa...<\/a><\/div><\/div><\/div><\/div>\n<div class=\"col-md-12 col-sm-12 col-xs-12 pt-cv-content-item pt-cv-1-col\" ><div class='pt-cv-ifield'><a href=\"https:\/\/www.dmsjuridica.com\/buscador_20179478954\/corteconstitucionalcronologico202454587\/t-495-01\/\" class=\"_self pt-cv-href-thumbnail pt-cv-thumb-default\" target=\"_self\" ><\/a>\n<div class=\"pt-cv-taxoterm above_title\"><a href='https:\/\/www.dmsjuridica.com\/buscador_20179478954\/corteconstitucionalcronologico202454587\/category\/buscar-en-toda-la-corte\/2001\/tutelas-2001\/' title='Tutelas 2001' class='pt-cv-tax-tutelas-2001'>Tutelas 2001<\/a><\/div>\n<h4 class=\"pt-cv-title\"><a href=\"https:\/\/www.dmsjuridica.com\/buscador_20179478954\/corteconstitucionalcronologico202454587\/t-495-01\/\" class=\"_self\" target=\"_self\" >T-495-01<\/a><\/h4>\n<div class=\"pt-cv-content\">\u00a0 \u00a0 Sentencia T-495\/01 \u00a0 TRASLADO DE INTERNOS-Facultad corresponde a Direcci\u00f3n del INPEC\/ACCION DE TUTELA-Hecho superado \u00a0 Referencia: expediente T-411.893 \u00a0 Magistrado Ponente:\u00a0 \u00a0 Dr. RODRIGO ESCOBAR GIL. \u00a0 Bogot\u00e1, D.C., mayo once (11) de dos mil uno (2001). \u00a0 La Sala Quinta de Revisi\u00f3n de la Corte Constitucional, integrada por los Magistrados Rodrigo Escobar Gil, presidente, Marco Gerardo Monroy Cabra y Eduardo Montealegre Lynett, en ejercicio de sus competencias constitucionales y legales, \u00a0 EN NOMBRE DEL PUEBLO \u00a0 Y \u00a0 POR MANDATO DE LA CONSTITUCION \u00a0 ha pronunciado la siguiente \u00a0 SENTENCIA \u00a0 dentro del proceso de tutela identificado ...<br \/><div class=\"pt-cv-rmwrap\"><a href=\"https:\/\/www.dmsjuridica.com\/buscador_20179478954\/corteconstitucionalcronologico202454587\/t-495-01\/\" class=\"_self pt-cv-readmore btn btn-success\" target=\"_self\">Ver Sentencia Completa...<\/a><\/div><\/div><\/div><\/div>\n<div class=\"col-md-12 col-sm-12 col-xs-12 pt-cv-content-item pt-cv-1-col\" ><div class='pt-cv-ifield'><a href=\"https:\/\/www.dmsjuridica.com\/buscador_20179478954\/corteconstitucionalcronologico202454587\/t-494-01\/\" class=\"_self pt-cv-href-thumbnail pt-cv-thumb-default\" target=\"_self\" ><\/a>\n<div class=\"pt-cv-taxoterm above_title\"><a href='https:\/\/www.dmsjuridica.com\/buscador_20179478954\/corteconstitucionalcronologico202454587\/category\/buscar-en-toda-la-corte\/2001\/tutelas-2001\/' title='Tutelas 2001' class='pt-cv-tax-tutelas-2001'>Tutelas 2001<\/a><\/div>\n<h4 class=\"pt-cv-title\"><a href=\"https:\/\/www.dmsjuridica.com\/buscador_20179478954\/corteconstitucionalcronologico202454587\/t-494-01\/\" class=\"_self\" target=\"_self\" >T-494-01<\/a><\/h4>\n<div class=\"pt-cv-content\">\u00a0 \u00a0 Sentencia T-494\/01 \u00a0 DERECHO A LA SALUD-Fundamental por conexidad con la vida \u00a0 INAPLICACION DE NORMAS DEL PLAN OBLIGATORIO DE SALUD-Casos en que procede por exclusi\u00f3n de tratamientos y medicamentos de alto costo \u00a0 DERECHO A LA DIGNIDAD HUMANA-Omisi\u00f3n de cirug\u00eda que ocasiona dolor \u00a0 DERECHO A LA SALUD-Pr\u00e1ctica de cirug\u00eda sin cumplir periodo m\u00ednimo de cotizaci\u00f3n \u00a0 ENTIDAD PROMOTORA DE SALUD-Repetici\u00f3n contra el Fosyga \u00a0 Reiteraci\u00f3n de Jurisprudencia \u00a0 Referencia: expediente T-410895 \u00a0 Acci\u00f3n de tutela instaurada por Esther Luisa P\u00e9rez Vanegas contra SaludCoop E.P.S. \u00a0 Magistrado Ponente: \u00a0 Dr. RODRIGO ESCOBAR GIL \u00a0 Bogot\u00e1, D.C., mayo ...<br \/><div class=\"pt-cv-rmwrap\"><a href=\"https:\/\/www.dmsjuridica.com\/buscador_20179478954\/corteconstitucionalcronologico202454587\/t-494-01\/\" class=\"_self pt-cv-readmore btn btn-success\" target=\"_self\">Ver Sentencia Completa...<\/a><\/div><\/div><\/div><\/div>\n<div class=\"col-md-12 col-sm-12 col-xs-12 pt-cv-content-item pt-cv-1-col\" ><div class='pt-cv-ifield'><a href=\"https:\/\/www.dmsjuridica.com\/buscador_20179478954\/corteconstitucionalcronologico202454587\/t-493-01\/\" class=\"_self pt-cv-href-thumbnail pt-cv-thumb-default\" target=\"_self\" ><\/a>\n<div class=\"pt-cv-taxoterm above_title\"><a href='https:\/\/www.dmsjuridica.com\/buscador_20179478954\/corteconstitucionalcronologico202454587\/category\/buscar-en-toda-la-corte\/2001\/tutelas-2001\/' title='Tutelas 2001' class='pt-cv-tax-tutelas-2001'>Tutelas 2001<\/a><\/div>\n<h4 class=\"pt-cv-title\"><a href=\"https:\/\/www.dmsjuridica.com\/buscador_20179478954\/corteconstitucionalcronologico202454587\/t-493-01\/\" class=\"_self\" target=\"_self\" >T-493-01<\/a><\/h4>\n<div class=\"pt-cv-content\">\u00a0 \u00a0 Sentencia T-493\/01 \u00a0 DERECHO A LA PENSION DE JUBILACI\u00d3N-Tr\u00e1mite administrativo o presupuestal no impide pago oportuno de mesadas \u00a0 DERECHO A LA VIDA-Trasciende la mera subsistencia biol\u00f3gica \u00a0 PERJUICIO IRREMEDIABLE-No pago oportuno de mesadas pensionales por iliquidez de entidad de salud \u00a0 CONTRATO DE CONCURRENCIA-Creado para pagar pasivo prestacional de entidades de salud \u00a0 -Reiteraci\u00f3n de Jurisprudencia- \u00a0 Referencia: expedientes Nos.\u00a0 \u00a0 T-415523 \u00a0 \u00a0 \u00a0 \u00a0 \u00a0 \u00a0 \u00a0 \u00a0 \u00a0 \u00a0\u00a0 T-415693 \u00a0\u00a0 T-415524 \u00a0 \u00a0 \u00a0 \u00a0 \u00a0 \u00a0 \u00a0 \u00a0 \u00a0 \u00a0\u00a0 T-416476 \u00a0\u00a0 T-415525 \u00a0 \u00a0 \u00a0 \u00a0 \u00a0 \u00a0 \u00a0 \u00a0 \u00a0 ...<br \/><div class=\"pt-cv-rmwrap\"><a href=\"https:\/\/www.dmsjuridica.com\/buscador_20179478954\/corteconstitucionalcronologico202454587\/t-493-01\/\" class=\"_self pt-cv-readmore btn btn-success\" target=\"_self\">Ver Sentencia Completa...<\/a><\/div><\/div><\/div><\/div>\n<div class=\"col-md-12 col-sm-12 col-xs-12 pt-cv-content-item pt-cv-1-col\" ><div class='pt-cv-ifield'><a href=\"https:\/\/www.dmsjuridica.com\/buscador_20179478954\/corteconstitucionalcronologico202454587\/t-492-01\/\" class=\"_self pt-cv-href-thumbnail pt-cv-thumb-default\" target=\"_self\" ><\/a>\n<div class=\"pt-cv-taxoterm above_title\"><a href='https:\/\/www.dmsjuridica.com\/buscador_20179478954\/corteconstitucionalcronologico202454587\/category\/buscar-en-toda-la-corte\/2001\/tutelas-2001\/' title='Tutelas 2001' class='pt-cv-tax-tutelas-2001'>Tutelas 2001<\/a><\/div>\n<h4 class=\"pt-cv-title\"><a href=\"https:\/\/www.dmsjuridica.com\/buscador_20179478954\/corteconstitucionalcronologico202454587\/t-492-01\/\" class=\"_self\" target=\"_self\" >T-492-01<\/a><\/h4>\n<div class=\"pt-cv-content\">\u00a0 \u00a0 Sentencia T-492\/01 \u00a0 ACCION DE TUTELA-Hecho superado \u00a0 Reiteraci\u00f3n de Jurisprudencia \u00a0 Referencia: expediente T-365726 \u00a0 Acci\u00f3n de tutela instaurada por Enriqueta Pertuz de Fl\u00f3rez contra SaludCoop E.P.S. \u00a0 Magistrado Ponente: \u00a0 Dr. RODRIGO ESCOBAR GIL \u00a0 Bogot\u00e1, D.C., mayo once (11) de dos mil uno (2001). \u00a0 La Sala Quinta de Revisi\u00f3n de la Corte Constitucional, en ejercicio de sus competencias constitucionales y legales, en particular las contenidas en los art\u00edculos 86 y 241, numeral 9, de la Constituci\u00f3n y el Decreto 2591 de 1991, \u00a0dentro del proceso de revisi\u00f3n del fallo de 19 de enero de ...<br \/><div class=\"pt-cv-rmwrap\"><a href=\"https:\/\/www.dmsjuridica.com\/buscador_20179478954\/corteconstitucionalcronologico202454587\/t-492-01\/\" class=\"_self pt-cv-readmore btn btn-success\" target=\"_self\">Ver Sentencia Completa...<\/a><\/div><\/div><\/div><\/div>\n<div class=\"col-md-12 col-sm-12 col-xs-12 pt-cv-content-item pt-cv-1-col\" ><div class='pt-cv-ifield'><a href=\"https:\/\/www.dmsjuridica.com\/buscador_20179478954\/corteconstitucionalcronologico202454587\/t-491-01\/\" class=\"_self pt-cv-href-thumbnail pt-cv-thumb-default\" target=\"_self\" ><\/a>\n<div class=\"pt-cv-taxoterm above_title\"><a href='https:\/\/www.dmsjuridica.com\/buscador_20179478954\/corteconstitucionalcronologico202454587\/category\/buscar-en-toda-la-corte\/2001\/tutelas-2001\/' title='Tutelas 2001' class='pt-cv-tax-tutelas-2001'>Tutelas 2001<\/a><\/div>\n<h4 class=\"pt-cv-title\"><a href=\"https:\/\/www.dmsjuridica.com\/buscador_20179478954\/corteconstitucionalcronologico202454587\/t-491-01\/\" class=\"_self\" target=\"_self\" >T-491-01<\/a><\/h4>\n<div class=\"pt-cv-content\">\u00a0 \u00a0 Sentencia T-491\/01 \u00a0 DERECHO DE PETICION-Contestaci\u00f3n de fondo, clara y precisa\/DERECHO DE PETICION FRENTE AL SILENCIO ADMINISTRATIVO NEGATIVO-Deber de resolver la solicitud \u00a0 BONOS PENSIONALES-Demora en la emisi\u00f3n impide acceso a pensi\u00f3n de jubilaci\u00f3n\/VIA DE HECHO-Se niega pensi\u00f3n por demora en emisi\u00f3n del bono\u00a0 \u00a0 Reiteraci\u00f3n de Jurisprudencia \u00a0 Referencia: expediente T-411962 \u00a0 Acci\u00f3n de tutela instaurada por Miguel Angel Sossa Vellojin en contra del Instituto de Seguros Sociales \u00a0 Magistrado Ponente:\u00a0 \u00a0 Dr. MANUEL JOS\u00c9 CEPEDA ESPINOSA \u00a0 Bogot\u00e1, D.C., mayo once (11) de dos mil uno (2001) \u00a0 La Sala Tercera de Revisi\u00f3n de la Corte ...<br \/><div class=\"pt-cv-rmwrap\"><a href=\"https:\/\/www.dmsjuridica.com\/buscador_20179478954\/corteconstitucionalcronologico202454587\/t-491-01\/\" class=\"_self pt-cv-readmore btn btn-success\" target=\"_self\">Ver Sentencia Completa...<\/a><\/div><\/div><\/div><\/div>\n<div class=\"col-md-12 col-sm-12 col-xs-12 pt-cv-content-item pt-cv-1-col\" ><div class='pt-cv-ifield'><a href=\"https:\/\/www.dmsjuridica.com\/buscador_20179478954\/corteconstitucionalcronologico202454587\/t-490-01\/\" class=\"_self pt-cv-href-thumbnail pt-cv-thumb-default\" target=\"_self\" ><\/a>\n<div class=\"pt-cv-taxoterm above_title\"><a href='https:\/\/www.dmsjuridica.com\/buscador_20179478954\/corteconstitucionalcronologico202454587\/category\/buscar-en-toda-la-corte\/2001\/tutelas-2001\/' title='Tutelas 2001' class='pt-cv-tax-tutelas-2001'>Tutelas 2001<\/a><\/div>\n<h4 class=\"pt-cv-title\"><a href=\"https:\/\/www.dmsjuridica.com\/buscador_20179478954\/corteconstitucionalcronologico202454587\/t-490-01\/\" class=\"_self\" target=\"_self\" >T-490-01<\/a><\/h4>\n<div class=\"pt-cv-content\">\u00a0 \u00a0 Sentencia T-490\/01 \u00a0 ACCION DE TUTELA-Procedencia excepcional pago de acreencias laborales \u00a0 DERECHO AL MINIMO VITAL-Presunci\u00f3n de afectaci\u00f3n por ausencia prolongada en pago de mesadas \u00a0 EMPLEADOR-Situaci\u00f3n econ\u00f3mica o presupuestal no es \u00f3bice para desconocer pago de mesadas pensionales \u00a0 Reiteraci\u00f3n de jurisprudencia \u00a0 Referencia: expediente T-410078 \u00a0 Acci\u00f3n de tutela instaurada por Lelis Anaximandro Forero S\u00e1nchez contra el Gobernador del Departamento, el Secretario de Hacienda, la Caja de Previsi\u00f3n Social de Boyac\u00e1 como administradora del Fondo Territorial de Pensiones y el Gerente de la Industria Licorera de Boyac\u00e1 \u00a0 Magistrado ponente: \u00a0 Dr. MANUEL JOSE CEPEDA ESPINOSA ...<br \/><div class=\"pt-cv-rmwrap\"><a href=\"https:\/\/www.dmsjuridica.com\/buscador_20179478954\/corteconstitucionalcronologico202454587\/t-490-01\/\" class=\"_self pt-cv-readmore btn btn-success\" target=\"_self\">Ver Sentencia Completa...<\/a><\/div><\/div><\/div><\/div>\n<div class=\"col-md-12 col-sm-12 col-xs-12 pt-cv-content-item pt-cv-1-col\" ><div class='pt-cv-ifield'><a href=\"https:\/\/www.dmsjuridica.com\/buscador_20179478954\/corteconstitucionalcronologico202454587\/t-489-01\/\" class=\"_self pt-cv-href-thumbnail pt-cv-thumb-default\" target=\"_self\" ><\/a>\n<div class=\"pt-cv-taxoterm above_title\"><a href='https:\/\/www.dmsjuridica.com\/buscador_20179478954\/corteconstitucionalcronologico202454587\/category\/buscar-en-toda-la-corte\/2001\/tutelas-2001\/' title='Tutelas 2001' class='pt-cv-tax-tutelas-2001'>Tutelas 2001<\/a><\/div>\n<h4 class=\"pt-cv-title\"><a href=\"https:\/\/www.dmsjuridica.com\/buscador_20179478954\/corteconstitucionalcronologico202454587\/t-489-01\/\" class=\"_self\" target=\"_self\" >T-489-01<\/a><\/h4>\n<div class=\"pt-cv-content\">\u00a0 \u00a0 Sentencia T-489\/01 \u00a0 DERECHO A LA SALUD-Enfermedad profesional por contaminaci\u00f3n con mercurio\/ACCION DE TUTELA-Carencia actual de objeto \u00a0 PRUEBA EMPIRICA Y VULNERACION DE UN DERECHO FUNDAMENTAL\/JUEZ DE TUTELA-Necesidad de practicar pruebas \u00a0 Com\u00fanmente la vulneraci\u00f3n de un derecho fundamental por conexidad como la salud, s\u00f3lo puede verificarse mediante pruebas emp\u00edricas, las cuales muestren la probabilidad y dimensi\u00f3n del da\u00f1o que sufrir\u00eda una persona en caso de no obtener la protecci\u00f3n inmediata de sus derechos. Este es precisamente el caso que ocupa la revisi\u00f3n de la Corte. Ante las discordancias m\u00e9dicas sobre la existencia o no de una enfermedad ...<br \/><div class=\"pt-cv-rmwrap\"><a href=\"https:\/\/www.dmsjuridica.com\/buscador_20179478954\/corteconstitucionalcronologico202454587\/t-489-01\/\" class=\"_self pt-cv-readmore btn btn-success\" target=\"_self\">Ver Sentencia Completa...<\/a><\/div><\/div><\/div><\/div>\n<div class=\"col-md-12 col-sm-12 col-xs-12 pt-cv-content-item pt-cv-1-col\" ><div class='pt-cv-ifield'><a href=\"https:\/\/www.dmsjuridica.com\/buscador_20179478954\/corteconstitucionalcronologico202454587\/t-488-01\/\" class=\"_self pt-cv-href-thumbnail pt-cv-thumb-default\" target=\"_self\" ><\/a>\n<div class=\"pt-cv-taxoterm above_title\"><a href='https:\/\/www.dmsjuridica.com\/buscador_20179478954\/corteconstitucionalcronologico202454587\/category\/buscar-en-toda-la-corte\/2001\/tutelas-2001\/' title='Tutelas 2001' class='pt-cv-tax-tutelas-2001'>Tutelas 2001<\/a><\/div>\n<h4 class=\"pt-cv-title\"><a href=\"https:\/\/www.dmsjuridica.com\/buscador_20179478954\/corteconstitucionalcronologico202454587\/t-488-01\/\" class=\"_self\" target=\"_self\" >T-488-01<\/a><\/h4>\n<div class=\"pt-cv-content\">\u00a0 \u00a0 Sentencia T-488\/01 \u00a0 DERECHO A LA VIDA DIGNA-Suministro de aud\u00edfonos a persona mayor de edad\u00a0 \u00a0 Aunque la vida misma de la actora no est\u00e9 en juego por el no suministro de dicho elemento, su integridad personal si lo est\u00e1, ya que su vida se torna indigna por la carencia del mismo, dadas las condiciones especiales en que se encuentra, sin trabajo y sin posibilidad alguna de acceder al mercado laboral, dada la limitaci\u00f3n de una de sus funciones sensoriales. No puede la Sala pasar por alto la situaci\u00f3n de la actora y se\u00f1alar que la falta de ...<br \/><div class=\"pt-cv-rmwrap\"><a href=\"https:\/\/www.dmsjuridica.com\/buscador_20179478954\/corteconstitucionalcronologico202454587\/t-488-01\/\" class=\"_self pt-cv-readmore btn btn-success\" target=\"_self\">Ver Sentencia Completa...<\/a><\/div><\/div><\/div><\/div>\n<div class=\"col-md-12 col-sm-12 col-xs-12 pt-cv-content-item pt-cv-1-col\" ><div class='pt-cv-ifield'><a href=\"https:\/\/www.dmsjuridica.com\/buscador_20179478954\/corteconstitucionalcronologico202454587\/t-487-01\/\" class=\"_self pt-cv-href-thumbnail pt-cv-thumb-default\" target=\"_self\" ><\/a>\n<div class=\"pt-cv-taxoterm above_title\"><a href='https:\/\/www.dmsjuridica.com\/buscador_20179478954\/corteconstitucionalcronologico202454587\/category\/buscar-en-toda-la-corte\/2001\/tutelas-2001\/' title='Tutelas 2001' class='pt-cv-tax-tutelas-2001'>Tutelas 2001<\/a><\/div>\n<h4 class=\"pt-cv-title\"><a href=\"https:\/\/www.dmsjuridica.com\/buscador_20179478954\/corteconstitucionalcronologico202454587\/t-487-01\/\" class=\"_self\" target=\"_self\" >T-487-01<\/a><\/h4>\n<div class=\"pt-cv-content\">\u00a0 \u00a0 Sentencia T-487\/01 \u00a0 JUEZ DE TUTELA-Incompetencia para reconocer prestaciones sociales \u00a0 DERECHO DE PETICION-Alcance \u00a0 DERECHO DE PETICION-Peticionario no debe asumir las consecuencias por la desorganizaci\u00f3n administrativa \u00a0 Con relaci\u00f3n a la actuaci\u00f3n de CAJANAL con sede en Bogot\u00e1, autoridad competente para resolver la petici\u00f3n de la actora, se observa la incoherencia y contradicci\u00f3n de sus respuestas, lo que pone en evidencia la desorganizaci\u00f3n administrativa y falta de coordinaci\u00f3n entre sus diferentes dependencias. Al respecto, es necesario recalcar que no puede el peticionario asumir el desd\u00e9n administrativo que presentan las entidades sean estas p\u00fablicas o privadas, desorden que ...<br \/><div class=\"pt-cv-rmwrap\"><a href=\"https:\/\/www.dmsjuridica.com\/buscador_20179478954\/corteconstitucionalcronologico202454587\/t-487-01\/\" class=\"_self pt-cv-readmore btn btn-success\" target=\"_self\">Ver Sentencia Completa...<\/a><\/div><\/div><\/div><\/div>\n<div class=\"col-md-12 col-sm-12 col-xs-12 pt-cv-content-item pt-cv-1-col\" ><div class='pt-cv-ifield'><a href=\"https:\/\/www.dmsjuridica.com\/buscador_20179478954\/corteconstitucionalcronologico202454587\/t-486-01\/\" class=\"_self pt-cv-href-thumbnail pt-cv-thumb-default\" target=\"_self\" ><\/a>\n<div class=\"pt-cv-taxoterm above_title\"><a href='https:\/\/www.dmsjuridica.com\/buscador_20179478954\/corteconstitucionalcronologico202454587\/category\/buscar-en-toda-la-corte\/2001\/tutelas-2001\/' title='Tutelas 2001' class='pt-cv-tax-tutelas-2001'>Tutelas 2001<\/a><\/div>\n<h4 class=\"pt-cv-title\"><a href=\"https:\/\/www.dmsjuridica.com\/buscador_20179478954\/corteconstitucionalcronologico202454587\/t-486-01\/\" class=\"_self\" target=\"_self\" >T-486-01<\/a><\/h4>\n<div class=\"pt-cv-content\">\u00a0 \u00a0 Sentencia T-486\/01 \u00a0 ACCION DE TUTELA-Procedencia excepcional pago de acreencias laborales \u00a0 SALARIO-Sumas que deben integrarse para efectos del significado y pago oportuno\u00a0 \u00a0 EMPLEADOR-Situaci\u00f3n econ\u00f3mica o presupuestal no es \u00f3bice para desconocer pago de salarios \u00a0 Reiteraci\u00f3n de Jurisprudencia \u00a0 Referencia: expedientes T-413556 \u00a0 Acci\u00f3n de tutela incoada por Ram\u00f3n Antonio Molina L\u00f3pez contra la Alcald\u00eda Municipal de Villanueva. \u00a0 Magistrado Ponente:\u00a0 \u00a0 Dr. JAIME C\u00d3RDOBA TRIVI\u00d1O \u00a0 Bogot\u00e1, D.C., once (11) de mayo de dos mil uno (2001). \u00a0 La Sala Cuarta de Revisi\u00f3n de la Corte Constitucional, en ejercicio de sus competencias constitucionales y legales, ...<br \/><div class=\"pt-cv-rmwrap\"><a href=\"https:\/\/www.dmsjuridica.com\/buscador_20179478954\/corteconstitucionalcronologico202454587\/t-486-01\/\" class=\"_self pt-cv-readmore btn btn-success\" target=\"_self\">Ver Sentencia Completa...<\/a><\/div><\/div><\/div><\/div>\n<div class=\"col-md-12 col-sm-12 col-xs-12 pt-cv-content-item pt-cv-1-col\" ><div class='pt-cv-ifield'><a href=\"https:\/\/www.dmsjuridica.com\/buscador_20179478954\/corteconstitucionalcronologico202454587\/t-485-01\/\" class=\"_self pt-cv-href-thumbnail pt-cv-thumb-default\" target=\"_self\" ><\/a>\n<div class=\"pt-cv-taxoterm above_title\"><a href='https:\/\/www.dmsjuridica.com\/buscador_20179478954\/corteconstitucionalcronologico202454587\/category\/buscar-en-toda-la-corte\/2001\/tutelas-2001\/' title='Tutelas 2001' class='pt-cv-tax-tutelas-2001'>Tutelas 2001<\/a><\/div>\n<h4 class=\"pt-cv-title\"><a href=\"https:\/\/www.dmsjuridica.com\/buscador_20179478954\/corteconstitucionalcronologico202454587\/t-485-01\/\" class=\"_self\" target=\"_self\" >T-485-01<\/a><\/h4>\n<div class=\"pt-cv-content\">\u00a0 \u00a0 Sentencia T-485\/01 \u00a0 SERVICIO PUBLICO DE ACUEDUCTO-Suspensi\u00f3n sin resolver recursos interpuestos \u00a0 Debe advertirse que si bien en principio la empresa accionada ten\u00eda el derecho de suspender la prestaci\u00f3n del servicio e incluso de resolver el contrato y de cortar el suministro ante el incumplimiento del contrato por parte del usuario, lo cierto es que no pod\u00eda hacerlo sin antes resolver la reclamaci\u00f3n realizada por el propietario del inmueble. Este present\u00f3 una reclamaci\u00f3n el 6 de septiembre de 2000, circunstancia ante la cual deb\u00eda darse estricto cumplimiento al art\u00edculo 155 de la Ley 142 de 1994, esto es, ...<br \/><div class=\"pt-cv-rmwrap\"><a href=\"https:\/\/www.dmsjuridica.com\/buscador_20179478954\/corteconstitucionalcronologico202454587\/t-485-01\/\" class=\"_self pt-cv-readmore btn btn-success\" target=\"_self\">Ver Sentencia Completa...<\/a><\/div><\/div><\/div><\/div>\n<div class=\"col-md-12 col-sm-12 col-xs-12 pt-cv-content-item pt-cv-1-col\" ><div class='pt-cv-ifield'><a href=\"https:\/\/www.dmsjuridica.com\/buscador_20179478954\/corteconstitucionalcronologico202454587\/t-484-01\/\" class=\"_self pt-cv-href-thumbnail pt-cv-thumb-default\" target=\"_self\" ><\/a>\n<div class=\"pt-cv-taxoterm above_title\"><a href='https:\/\/www.dmsjuridica.com\/buscador_20179478954\/corteconstitucionalcronologico202454587\/category\/buscar-en-toda-la-corte\/2001\/tutelas-2001\/' title='Tutelas 2001' class='pt-cv-tax-tutelas-2001'>Tutelas 2001<\/a><\/div>\n<h4 class=\"pt-cv-title\"><a href=\"https:\/\/www.dmsjuridica.com\/buscador_20179478954\/corteconstitucionalcronologico202454587\/t-484-01\/\" class=\"_self\" target=\"_self\" >T-484-01<\/a><\/h4>\n<div class=\"pt-cv-content\">\u00a0 \u00a0 Sentencia T-484\/01 \u00a0 DERECHO A LA SALUD-Mora en el pago de los aportes\/DERECHO A LA SALUD-No pr\u00e1ctica de cirug\u00eda por mora en el pago de aportes \u00a0 No se puede pretender que la prestaci\u00f3n de un servicio que requiere del pago puntual y completo de los aportes por parte de los afiliados independientes, los empleadores o los fondos administradores de pensiones, sea \u00f3ptimo, cuando s\u00f3lo ante el apremio de una necesidad m\u00e9dica, o una urgencia en salud se proceda a cancelar los mismos, dej\u00e1ndolo de hacer cuando el servicio no sea requerido. Es pertinente recordar que del puntual ...<br \/><div class=\"pt-cv-rmwrap\"><a href=\"https:\/\/www.dmsjuridica.com\/buscador_20179478954\/corteconstitucionalcronologico202454587\/t-484-01\/\" class=\"_self pt-cv-readmore btn btn-success\" target=\"_self\">Ver Sentencia Completa...<\/a><\/div><\/div><\/div><\/div>\n<div class=\"col-md-12 col-sm-12 col-xs-12 pt-cv-content-item pt-cv-1-col\" ><div class='pt-cv-ifield'><a href=\"https:\/\/www.dmsjuridica.com\/buscador_20179478954\/corteconstitucionalcronologico202454587\/t-483-01\/\" class=\"_self pt-cv-href-thumbnail pt-cv-thumb-default\" target=\"_self\" ><\/a>\n<div class=\"pt-cv-taxoterm above_title\"><a href='https:\/\/www.dmsjuridica.com\/buscador_20179478954\/corteconstitucionalcronologico202454587\/category\/buscar-en-toda-la-corte\/2001\/tutelas-2001\/' title='Tutelas 2001' class='pt-cv-tax-tutelas-2001'>Tutelas 2001<\/a><\/div>\n<h4 class=\"pt-cv-title\"><a href=\"https:\/\/www.dmsjuridica.com\/buscador_20179478954\/corteconstitucionalcronologico202454587\/t-483-01\/\" class=\"_self\" target=\"_self\" >T-483-01<\/a><\/h4>\n<div class=\"pt-cv-content\">\u00a0 \u00a0 Sentencia T-483\/01 \u00a0 LICENCIA DE MATERNIDAD-Pago de la cotizaci\u00f3n es indispensable para adquirir el derecho al pago \u00a0 La licencia de maternidad es un derecho de car\u00e1cter legal y, por ende, el mecanismo judicial id\u00f3neo para exigir su cancelaci\u00f3n es el proceso ejecutivo laboral, sin embargo, la acci\u00f3n de tutela es procedente para ordenar el pago oportuno de la prestaci\u00f3n econ\u00f3mica, cuando se amenaza el m\u00ednimo vital de la madre y el reci\u00e9n nacido, por cuanto la madre y su hijo tienen especial protecci\u00f3n consagrada en los art\u00edculos 5, 13, 42, 43 y 44 de la Constituci\u00f3n Pol\u00edtica ...<br \/><div class=\"pt-cv-rmwrap\"><a href=\"https:\/\/www.dmsjuridica.com\/buscador_20179478954\/corteconstitucionalcronologico202454587\/t-483-01\/\" class=\"_self pt-cv-readmore btn btn-success\" target=\"_self\">Ver Sentencia Completa...<\/a><\/div><\/div><\/div><\/div>\n<div class=\"col-md-12 col-sm-12 col-xs-12 pt-cv-content-item pt-cv-1-col\" ><div class='pt-cv-ifield'><a href=\"https:\/\/www.dmsjuridica.com\/buscador_20179478954\/corteconstitucionalcronologico202454587\/t-482-01\/\" class=\"_self pt-cv-href-thumbnail pt-cv-thumb-default\" target=\"_self\" ><\/a>\n<div class=\"pt-cv-taxoterm above_title\"><a href='https:\/\/www.dmsjuridica.com\/buscador_20179478954\/corteconstitucionalcronologico202454587\/category\/buscar-en-toda-la-corte\/2001\/tutelas-2001\/' title='Tutelas 2001' class='pt-cv-tax-tutelas-2001'>Tutelas 2001<\/a><\/div>\n<h4 class=\"pt-cv-title\"><a href=\"https:\/\/www.dmsjuridica.com\/buscador_20179478954\/corteconstitucionalcronologico202454587\/t-482-01\/\" class=\"_self\" target=\"_self\" >T-482-01<\/a><\/h4>\n<div class=\"pt-cv-content\">\u00a0 \u00a0 Sentencia T-482\/01 \u00a0 ACCION DE TUTELA-Subsidiariedad \u00a0 PERSONA DE LA TERCERA EDAD-Eficacia de tutela por morosidad de justicia ordinaria \u00a0 SEGURIDAD SOCIAL-Naturaleza \u00a0 PENSION DE JUBILACION PARA EXCONGRESISTA-Reajuste especial \u00a0 PENSION DE JUBILACION PARA EXCONGRESISTA-Requisitos para obtener el reajuste especial \u00a0 La Sala comparte la posici\u00f3n del Consejo de Estado, en el sentido de se\u00f1alar que para ser beneficiario del reajuste especial, la persona debe acreditar que para la fecha en que fue congresista satisfac\u00eda los requisitos se\u00f1alados en el art\u00edculo 7\u00ba del Decreto 1359 de 1993, es decir: haber llegado a la edad de 50 a\u00f1os de ...<br \/><div class=\"pt-cv-rmwrap\"><a href=\"https:\/\/www.dmsjuridica.com\/buscador_20179478954\/corteconstitucionalcronologico202454587\/t-482-01\/\" class=\"_self pt-cv-readmore btn btn-success\" target=\"_self\">Ver Sentencia Completa...<\/a><\/div><\/div><\/div><\/div>\n<div class=\"col-md-12 col-sm-12 col-xs-12 pt-cv-content-item pt-cv-1-col\" ><div class='pt-cv-ifield'><a href=\"https:\/\/www.dmsjuridica.com\/buscador_20179478954\/corteconstitucionalcronologico202454587\/t-481-01\/\" class=\"_self pt-cv-href-thumbnail pt-cv-thumb-default\" target=\"_self\" ><\/a>\n<div class=\"pt-cv-taxoterm above_title\"><a href='https:\/\/www.dmsjuridica.com\/buscador_20179478954\/corteconstitucionalcronologico202454587\/category\/buscar-en-toda-la-corte\/2001\/tutelas-2001\/' title='Tutelas 2001' class='pt-cv-tax-tutelas-2001'>Tutelas 2001<\/a><\/div>\n<h4 class=\"pt-cv-title\"><a href=\"https:\/\/www.dmsjuridica.com\/buscador_20179478954\/corteconstitucionalcronologico202454587\/t-481-01\/\" class=\"_self\" target=\"_self\" >T-481-01<\/a><\/h4>\n<div class=\"pt-cv-content\">\u00a0 \u00a0 Sentencia T-481\/01 \u00a0 DERECHO AL PAGO OPORTUNO DEL SALARIO-Fundamental\/DERECHO AL MINIMO VITAL DEL TRABAJADOR-Pago oportuno de salarios \u00a0 EMPLEADOR-Situaci\u00f3n econ\u00f3mica o presupuestal no es \u00f3bice para desconocer pago de salarios \u00a0 DERECHO AL MINIMO VITAL-Prueba de la amenaza \u00a0 Referencia: expediente T-423406 \u00a0 Accionante: Digna Em\u00e9rita Moreno \u00a0 Accionado: Departamento Administrativo de Salud del Choc\u00f3 -Centro de Salud del Atrato DASALUD- \u00a0 Procedencia: Juzgado Civil del Circuito de Quibd\u00f3 \u00a0 Magistrado Ponente:\u00a0 \u00a0 Dr. MARCO GERARDO MONROY CABRA \u00a0 Bogot\u00e1 D.C., diez (10) de mayo de dos mil (2001) \u00a0 La Sala Sexta de Revisi\u00f3n de la Corte ...<br \/><div class=\"pt-cv-rmwrap\"><a href=\"https:\/\/www.dmsjuridica.com\/buscador_20179478954\/corteconstitucionalcronologico202454587\/t-481-01\/\" class=\"_self pt-cv-readmore btn btn-success\" target=\"_self\">Ver Sentencia Completa...<\/a><\/div><\/div><\/div><\/div>\n<div class=\"col-md-12 col-sm-12 col-xs-12 pt-cv-content-item pt-cv-1-col\" ><div class='pt-cv-ifield'><a href=\"https:\/\/www.dmsjuridica.com\/buscador_20179478954\/corteconstitucionalcronologico202454587\/t-480-01\/\" class=\"_self pt-cv-href-thumbnail pt-cv-thumb-default\" target=\"_self\" ><\/a>\n<div class=\"pt-cv-taxoterm above_title\"><a href='https:\/\/www.dmsjuridica.com\/buscador_20179478954\/corteconstitucionalcronologico202454587\/category\/buscar-en-toda-la-corte\/2001\/tutelas-2001\/' title='Tutelas 2001' class='pt-cv-tax-tutelas-2001'>Tutelas 2001<\/a><\/div>\n<h4 class=\"pt-cv-title\"><a href=\"https:\/\/www.dmsjuridica.com\/buscador_20179478954\/corteconstitucionalcronologico202454587\/t-480-01\/\" class=\"_self\" target=\"_self\" >T-480-01<\/a><\/h4>\n<div class=\"pt-cv-content\">\u00a0 \u00a0 Sentencia T-480\/01 \u00a0 ACCION DE TUTELA-Improcedencia general pago de acreencias laborales\/MEDIO DE DEFENSA JUDICIAL EFICAZ-Pago de acreencias laborales \u00a0 Referencia: expediente T-432.888 \u00a0 Acci\u00f3n de tutela presentada por Martha Emilse Nore\u00f1a Quiceno contra Gobernaci\u00f3n de Antioquia y Empresa de Acueducto y Alcantarillado de Antioquia S.A. -Acuantioquia- en liquidaci\u00f3n. \u00a0 Magistrado Ponente:\u00a0 \u00a0 Dr. ALFREDO BELTR\u00c1N SIERRA. \u00a0 Sentencia aprobada en Bogot\u00e1 D.C., en sesi\u00f3n del d\u00eda diez (10) de mayo de dos mil uno (2001). \u00a0 La Sala Segunda de Revisi\u00f3n de la Corte Constitucional, integrada por los magistrados Alfredo Beltr\u00e1n Sierra, Manuel Jos\u00e9 Cepeda Espinosa y Jaime ...<br \/><div class=\"pt-cv-rmwrap\"><a href=\"https:\/\/www.dmsjuridica.com\/buscador_20179478954\/corteconstitucionalcronologico202454587\/t-480-01\/\" class=\"_self pt-cv-readmore btn btn-success\" target=\"_self\">Ver Sentencia Completa...<\/a><\/div><\/div><\/div><\/div>\n<div class=\"col-md-12 col-sm-12 col-xs-12 pt-cv-content-item pt-cv-1-col\" ><div class='pt-cv-ifield'><a href=\"https:\/\/www.dmsjuridica.com\/buscador_20179478954\/corteconstitucionalcronologico202454587\/t-476-01\/\" class=\"_self pt-cv-href-thumbnail pt-cv-thumb-default\" target=\"_self\" ><\/a>\n<div class=\"pt-cv-taxoterm above_title\"><a href='https:\/\/www.dmsjuridica.com\/buscador_20179478954\/corteconstitucionalcronologico202454587\/category\/buscar-en-toda-la-corte\/2001\/tutelas-2001\/' title='Tutelas 2001' class='pt-cv-tax-tutelas-2001'>Tutelas 2001<\/a><\/div>\n<h4 class=\"pt-cv-title\"><a href=\"https:\/\/www.dmsjuridica.com\/buscador_20179478954\/corteconstitucionalcronologico202454587\/t-476-01\/\" class=\"_self\" target=\"_self\" >T-476-01<\/a><\/h4>\n<div class=\"pt-cv-content\">\u00a0 \u00a0 Sentencia T-476\/01 \u00a0 DERECHO DE PETICION-Prohibici\u00f3n de respuesta evasiva \u00a0 DERECHO DE PETICION-T\u00e9rmino para resolver \u00a0 DERECHO A LA PENSION DE JUBILACION-Reconocimiento \u00a0 Una persona solamente puede ser titular de una pensi\u00f3n, cuando previamente \u00e9sta ha sido reconocida mediante los procedimientos del caso, y por intermedio de las autoridades competentes, es decir, las administradores de fondos de pensiones; por lo cual, para poder exigir el pago oportuno de una pensi\u00f3n o de cualquiera de sus derechos consecuenciales, como son: la garant\u00eda de pensi\u00f3n m\u00ednima o la actualizaci\u00f3n anual, etc., se requiere como requisito \u201csine qua non\u201d, su previo ...<br \/><div class=\"pt-cv-rmwrap\"><a href=\"https:\/\/www.dmsjuridica.com\/buscador_20179478954\/corteconstitucionalcronologico202454587\/t-476-01\/\" class=\"_self pt-cv-readmore btn btn-success\" target=\"_self\">Ver Sentencia Completa...<\/a><\/div><\/div><\/div><\/div>\n<div class=\"col-md-12 col-sm-12 col-xs-12 pt-cv-content-item pt-cv-1-col\" ><div class='pt-cv-ifield'><a href=\"https:\/\/www.dmsjuridica.com\/buscador_20179478954\/corteconstitucionalcronologico202454587\/t-475-01\/\" class=\"_self pt-cv-href-thumbnail pt-cv-thumb-default\" target=\"_self\" ><\/a>\n<div class=\"pt-cv-taxoterm above_title\"><a href='https:\/\/www.dmsjuridica.com\/buscador_20179478954\/corteconstitucionalcronologico202454587\/category\/buscar-en-toda-la-corte\/2001\/tutelas-2001\/' title='Tutelas 2001' class='pt-cv-tax-tutelas-2001'>Tutelas 2001<\/a><\/div>\n<h4 class=\"pt-cv-title\"><a href=\"https:\/\/www.dmsjuridica.com\/buscador_20179478954\/corteconstitucionalcronologico202454587\/t-475-01\/\" class=\"_self\" target=\"_self\" >T-475-01<\/a><\/h4>\n<div class=\"pt-cv-content\">\u00a0 \u00a0 Sentencia T-475\/01 \u00a0 DERECHO A LA SUBSISTENCIA DEL PENSIONADO-Pago oportuno de mesadas \u00a0 Referencia: expediente T-408066 \u00a0 Actores: Carmen Helena Carrillo Valderrama \u00a0 Procedencia: Tribunal Superior de Pamplona \u00a0 Magistrado Ponente:\u00a0 \u00a0 Dr. MARCO GERARDO MONROY CABRA \u00a0 Bogot\u00e1 D.C., siete (7) de mayo de dos mil uno (2001) \u00a0 La Sala Sexta de la Corte Constitucional, integrada por los Magistrados doctores, Eduardo Montealegre Lynet, Alvaro Tafur Galvis y Marco Gerardo Monroy, quien la preside, \u00a0en ejercicio de sus competencias constitucionales y legales han pronunciado la siguiente\u00a0 \u00a0 SENTENCIA \u00a0 En el proceso de tutela n\u00famero T-408066 de ...<br \/><div class=\"pt-cv-rmwrap\"><a href=\"https:\/\/www.dmsjuridica.com\/buscador_20179478954\/corteconstitucionalcronologico202454587\/t-475-01\/\" class=\"_self pt-cv-readmore btn btn-success\" target=\"_self\">Ver Sentencia Completa...<\/a><\/div><\/div><\/div><\/div>\n<div class=\"col-md-12 col-sm-12 col-xs-12 pt-cv-content-item pt-cv-1-col\" ><div class='pt-cv-ifield'><a href=\"https:\/\/www.dmsjuridica.com\/buscador_20179478954\/corteconstitucionalcronologico202454587\/t-474-01\/\" class=\"_self pt-cv-href-thumbnail pt-cv-thumb-default\" target=\"_self\" ><\/a>\n<div class=\"pt-cv-taxoterm above_title\"><a href='https:\/\/www.dmsjuridica.com\/buscador_20179478954\/corteconstitucionalcronologico202454587\/category\/buscar-en-toda-la-corte\/2001\/tutelas-2001\/' title='Tutelas 2001' class='pt-cv-tax-tutelas-2001'>Tutelas 2001<\/a><\/div>\n<h4 class=\"pt-cv-title\"><a href=\"https:\/\/www.dmsjuridica.com\/buscador_20179478954\/corteconstitucionalcronologico202454587\/t-474-01\/\" class=\"_self\" target=\"_self\" >T-474-01<\/a><\/h4>\n<div class=\"pt-cv-content\">\u00a0 \u00a0 Sentencia T-474\/01 \u00a0 CORELCA-Improcedencia de reintegro de trabajadores sindicalizados despedidos\u00a0 \u00a0 Es el juez ordinario laboral quien tiene la competencia para determinar los reintegros, y al hacerlo debe considerar lo determinado en la sentencia de la Sala Plena de la Corte Constitucional. En conclusi\u00f3n, la petici\u00f3n hecha en la demanda de amparo corresponde decidirla a la jurisdicci\u00f3n ordinaria y no mediante tutela, como lo ha reiterado la jurisprudencia constitucional de esta Corte en las sentencias anteriormente mencionadas.\u00a0 \u00a0 SENTENCIA DE CONSTITUCIONALIDAD-Efectos Ex tunc \u00a0 Hubo una determinaci\u00f3n de la Corte Constitucional sobre efectos tanto de la C-702\/99 como ...<br \/><div class=\"pt-cv-rmwrap\"><a href=\"https:\/\/www.dmsjuridica.com\/buscador_20179478954\/corteconstitucionalcronologico202454587\/t-474-01\/\" class=\"_self pt-cv-readmore btn btn-success\" target=\"_self\">Ver Sentencia Completa...<\/a><\/div><\/div><\/div><\/div>\n<div class=\"col-md-12 col-sm-12 col-xs-12 pt-cv-content-item pt-cv-1-col\" ><div class='pt-cv-ifield'><a href=\"https:\/\/www.dmsjuridica.com\/buscador_20179478954\/corteconstitucionalcronologico202454587\/t-473-01\/\" class=\"_self pt-cv-href-thumbnail pt-cv-thumb-default\" target=\"_self\" ><\/a>\n<div class=\"pt-cv-taxoterm above_title\"><a href='https:\/\/www.dmsjuridica.com\/buscador_20179478954\/corteconstitucionalcronologico202454587\/category\/buscar-en-toda-la-corte\/2001\/tutelas-2001\/' title='Tutelas 2001' class='pt-cv-tax-tutelas-2001'>Tutelas 2001<\/a><\/div>\n<h4 class=\"pt-cv-title\"><a href=\"https:\/\/www.dmsjuridica.com\/buscador_20179478954\/corteconstitucionalcronologico202454587\/t-473-01\/\" class=\"_self\" target=\"_self\" >T-473-01<\/a><\/h4>\n<div class=\"pt-cv-content\">\u00a0 \u00a0 Sentencia T-473\/01 \u00a0 LICENCIA DE MATERNIDAD-Pago por allanamiento a la mora \u00a0 Referencia: expediente T- 408623 \u00a0 Acci\u00f3n de tutela instaurada por Marta Cecilia Cifuentes B\u00e1ez contra Compensar E.P.S. \u00a0 Magistrado Ponente: \u00a0 Dr. EDUARDO MONTEALEGRE LYNETT. \u00a0 Bogot\u00e1, D.C., \u00a0mayo tres (3) de dos mil uno (2001). \u00a0 La Sala S\u00e9ptima de Revisi\u00f3n de la Corte Constitucional, integrada por los Magistrados Eduardo Montealegre Lynett, Alvaro Tafur Galvis y Clara In\u00e9s Vargas Hern\u00e1ndez, en uso de sus facultades constitucionales y legales ha proferido la siguiente \u00a0 SENTENCIA \u00a0 Dentro del proceso de revisi\u00f3n del fallo emitido por el ...<br \/><div class=\"pt-cv-rmwrap\"><a href=\"https:\/\/www.dmsjuridica.com\/buscador_20179478954\/corteconstitucionalcronologico202454587\/t-473-01\/\" class=\"_self pt-cv-readmore btn btn-success\" target=\"_self\">Ver Sentencia Completa...<\/a><\/div><\/div><\/div><\/div>\n<div class=\"col-md-12 col-sm-12 col-xs-12 pt-cv-content-item pt-cv-1-col\" ><div class='pt-cv-ifield'><a href=\"https:\/\/www.dmsjuridica.com\/buscador_20179478954\/corteconstitucionalcronologico202454587\/t-472-01\/\" class=\"_self pt-cv-href-thumbnail pt-cv-thumb-default\" target=\"_self\" ><\/a>\n<div class=\"pt-cv-taxoterm above_title\"><a href='https:\/\/www.dmsjuridica.com\/buscador_20179478954\/corteconstitucionalcronologico202454587\/category\/buscar-en-toda-la-corte\/2001\/tutelas-2001\/' title='Tutelas 2001' class='pt-cv-tax-tutelas-2001'>Tutelas 2001<\/a><\/div>\n<h4 class=\"pt-cv-title\"><a href=\"https:\/\/www.dmsjuridica.com\/buscador_20179478954\/corteconstitucionalcronologico202454587\/t-472-01\/\" class=\"_self\" target=\"_self\" >T-472-01<\/a><\/h4>\n<div class=\"pt-cv-content\">\u00a0 \u00a0 Sentencia T-472\/01 \u00a0 DERECHO A LA IGUALDAD-Discriminaci\u00f3n por tr\u00e1nsito de legislaci\u00f3n respecto pago de cesant\u00edas parciales \u00a0 ACCION DE TUTELA-Procedencia excepcional pago de acreencias laborales \u00a0 DERECHO A LA IGUALDAD-Discriminaci\u00f3n entre empleados judiciales por r\u00e9gimen de cesant\u00edas parciales \u00a0 INDEXACION-Actualizaci\u00f3n monetaria que la administraci\u00f3n adeuda\/INDEXACION DE CESANTIAS PARCIALES-Trabajadores de la rama judicial \u00a0 DERECHO DE PETICION-Alcance \u00a0 DERECHO DE PETICION EN CESANTIAS PARCIALES-Respuesta sobre reconocimiento no sujeto a disponibilidad presupuestal \u00a0 Reiteraci\u00f3n de Jurisprudencia \u00a0 Referencia: expedientes T-403442, T-403489, T-403885 y T-404024. \u00a0 Acciones de tutela instauradas por In\u00e9s Daza Sierra, Elena Olivella Guti\u00e9rrez, Yelitza Restrepo Zuleta, Luis ...<br \/><div class=\"pt-cv-rmwrap\"><a href=\"https:\/\/www.dmsjuridica.com\/buscador_20179478954\/corteconstitucionalcronologico202454587\/t-472-01\/\" class=\"_self pt-cv-readmore btn btn-success\" target=\"_self\">Ver Sentencia Completa...<\/a><\/div><\/div><\/div><\/div>\n<div class=\"col-md-12 col-sm-12 col-xs-12 pt-cv-content-item pt-cv-1-col\" ><div class='pt-cv-ifield'><a href=\"https:\/\/www.dmsjuridica.com\/buscador_20179478954\/corteconstitucionalcronologico202454587\/t-471-01\/\" class=\"_self pt-cv-href-thumbnail pt-cv-thumb-default\" target=\"_self\" ><\/a>\n<div class=\"pt-cv-taxoterm above_title\"><a href='https:\/\/www.dmsjuridica.com\/buscador_20179478954\/corteconstitucionalcronologico202454587\/category\/buscar-en-toda-la-corte\/2001\/tutelas-2001\/' title='Tutelas 2001' class='pt-cv-tax-tutelas-2001'>Tutelas 2001<\/a><\/div>\n<h4 class=\"pt-cv-title\"><a href=\"https:\/\/www.dmsjuridica.com\/buscador_20179478954\/corteconstitucionalcronologico202454587\/t-471-01\/\" class=\"_self\" target=\"_self\" >T-471-01<\/a><\/h4>\n<div class=\"pt-cv-content\">\u00a0 \u00a0 Sentencia T-471\/01 \u00a0 LEGITIMACION POR PASIVA EN TUTELA-Conocimiento de la acci\u00f3n por funcionario y no por representante legal \u00a0 No es necesario que el representante legal de la entidad p\u00fablica acuda al proceso. Basta que se haya comunicado la acci\u00f3n a la entidad y que un funcionario de la misma se encargue de sus defensa.\u00a0 \u00a0 PERSONAL DOCENTE-No pago de salarios por estar en paro\/DERECHO DE HUELGA-No se ha regulado debidamente respecto de servidores p\u00fablicos \u00a0 La imposibilidad de ejercer el derecho de huelga, empero, no puede convertirse en obst\u00e1culo para el disfrute del derecho de asociaci\u00f3n sindical ...<br \/><div class=\"pt-cv-rmwrap\"><a href=\"https:\/\/www.dmsjuridica.com\/buscador_20179478954\/corteconstitucionalcronologico202454587\/t-471-01\/\" class=\"_self pt-cv-readmore btn btn-success\" target=\"_self\">Ver Sentencia Completa...<\/a><\/div><\/div><\/div><\/div>\n<div class=\"col-md-12 col-sm-12 col-xs-12 pt-cv-content-item pt-cv-1-col\" ><div class='pt-cv-ifield'><a href=\"https:\/\/www.dmsjuridica.com\/buscador_20179478954\/corteconstitucionalcronologico202454587\/t-470-01\/\" class=\"_self pt-cv-href-thumbnail pt-cv-thumb-default\" target=\"_self\" ><\/a>\n<div class=\"pt-cv-taxoterm above_title\"><a href='https:\/\/www.dmsjuridica.com\/buscador_20179478954\/corteconstitucionalcronologico202454587\/category\/buscar-en-toda-la-corte\/2001\/tutelas-2001\/' title='Tutelas 2001' class='pt-cv-tax-tutelas-2001'>Tutelas 2001<\/a><\/div>\n<h4 class=\"pt-cv-title\"><a href=\"https:\/\/www.dmsjuridica.com\/buscador_20179478954\/corteconstitucionalcronologico202454587\/t-470-01\/\" class=\"_self\" target=\"_self\" >T-470-01<\/a><\/h4>\n<div class=\"pt-cv-content\">\u00a0 \u00a0 Sentencia T-470\/01 \u00a0 CONCURSO DE MERITOS PARA MAGISTRADO DE TRIBUNAL-Exclusi\u00f3n por no acreditar requisito de experiencia m\u00ednima\/ERROR DE LA ADMINISTRACION-Posibilidad de corregirlo\u00a0 \u00a0 Es evidente que se hab\u00eda admitido como inscrito a un aspirante que no cumpl\u00eda con los requisitos previstos en la ley. Resulta comprensible que el ordenamiento jur\u00eddico permita a la autoridad corregir sus errores, pues de otra manera los actos, a pesar de su manifiesta ilegalidad, tendr\u00edan que quedar inc\u00f3lumes, con el argumento de que no ser\u00edan modificables porque la administraci\u00f3n reconoci\u00f3 un error al expedirlos, cuando tanto el sentido l\u00f3gico de las cosas, como ...<br \/><div class=\"pt-cv-rmwrap\"><a href=\"https:\/\/www.dmsjuridica.com\/buscador_20179478954\/corteconstitucionalcronologico202454587\/t-470-01\/\" class=\"_self pt-cv-readmore btn btn-success\" target=\"_self\">Ver Sentencia Completa...<\/a><\/div><\/div><\/div><\/div>\n<div class=\"col-md-12 col-sm-12 col-xs-12 pt-cv-content-item pt-cv-1-col\" ><div class='pt-cv-ifield'><a href=\"https:\/\/www.dmsjuridica.com\/buscador_20179478954\/corteconstitucionalcronologico202454587\/t-469-01\/\" class=\"_self pt-cv-href-thumbnail pt-cv-thumb-default\" target=\"_self\" ><\/a>\n<div class=\"pt-cv-taxoterm above_title\"><a href='https:\/\/www.dmsjuridica.com\/buscador_20179478954\/corteconstitucionalcronologico202454587\/category\/buscar-en-toda-la-corte\/2001\/tutelas-2001\/' title='Tutelas 2001' class='pt-cv-tax-tutelas-2001'>Tutelas 2001<\/a><\/div>\n<h4 class=\"pt-cv-title\"><a href=\"https:\/\/www.dmsjuridica.com\/buscador_20179478954\/corteconstitucionalcronologico202454587\/t-469-01\/\" class=\"_self\" target=\"_self\" >T-469-01<\/a><\/h4>\n<div class=\"pt-cv-content\">\u00a0 \u00a0 Sentencia T-469\/01 \u00a0 ACCION DE TUTELA CONTRA PROVIDENCIAS JUDICIALES-Procedencia excepcional por v\u00eda de hecho judicial\u00a0 \u00a0 La inobservancia de las normas propias del juicio en desmedro de los derechos fundamentales del accionante, es una de las modalidades m\u00e1s comunes que se presenta como causa excepcional para pedir la tutela contra actos arbitrarios de los funcionarios judiciales. Los hechos que ocurren en forma cotidiana y permanente demuestran que las normas son insuficientes para regular las diversas situaciones que se presentan al interior de la sociedad y, particularmente, dentro de los procesos judiciales; por ello, siendo la acci\u00f3n de tutela ...<br \/><div class=\"pt-cv-rmwrap\"><a href=\"https:\/\/www.dmsjuridica.com\/buscador_20179478954\/corteconstitucionalcronologico202454587\/t-469-01\/\" class=\"_self pt-cv-readmore btn btn-success\" target=\"_self\">Ver Sentencia Completa...<\/a><\/div><\/div><\/div><\/div>\n<div class=\"col-md-12 col-sm-12 col-xs-12 pt-cv-content-item pt-cv-1-col\" ><div class='pt-cv-ifield'><a href=\"https:\/\/www.dmsjuridica.com\/buscador_20179478954\/corteconstitucionalcronologico202454587\/t-468-01\/\" class=\"_self pt-cv-href-thumbnail pt-cv-thumb-default\" target=\"_self\" ><\/a>\n<div class=\"pt-cv-taxoterm above_title\"><a href='https:\/\/www.dmsjuridica.com\/buscador_20179478954\/corteconstitucionalcronologico202454587\/category\/buscar-en-toda-la-corte\/2001\/tutelas-2001\/' title='Tutelas 2001' class='pt-cv-tax-tutelas-2001'>Tutelas 2001<\/a><\/div>\n<h4 class=\"pt-cv-title\"><a href=\"https:\/\/www.dmsjuridica.com\/buscador_20179478954\/corteconstitucionalcronologico202454587\/t-468-01\/\" class=\"_self\" target=\"_self\" >T-468-01<\/a><\/h4>\n<div class=\"pt-cv-content\">\u00a0 \u00a0 Sentencia T-468\/01 \u00a0 \u00a0ACCION DE TUTELA-Procedencia excepcional pago de acreencias laborales \u00a0 ACCION DE TUTELA-Improcedencia por cuanto la demandante no quiso llegar a acuerdo econ\u00f3mico con el demandado \u00a0 ACCION DE TUTELA-Improcedencia por no afectaci\u00f3n del m\u00ednimo vital \u00a0 Referencia: expediente T-407499 \u00a0 Acci\u00f3n de tutela instaurada por Melitona Mercedes Quiroz Dur\u00e1n contra el Alcalde y el Pagador del Municipio de Becerril - Cesar. \u00a0 \u00a0 \u00a0 Magistrado Ponente: \u00a0 Dr. ALVARO TAFUR GALVIS \u00a0 \u00a0 \u00a0 \u00a0 \u00a0 \u00a0 \u00a0 Bogot\u00e1, D.C., mayo siete (7) de dos mil uno (2001).\u00a0 \u00a0 La Sala Octava de Revisi\u00f3n de ...<br \/><div class=\"pt-cv-rmwrap\"><a href=\"https:\/\/www.dmsjuridica.com\/buscador_20179478954\/corteconstitucionalcronologico202454587\/t-468-01\/\" class=\"_self pt-cv-readmore btn btn-success\" target=\"_self\">Ver Sentencia Completa...<\/a><\/div><\/div><\/div><\/div>\n<div class=\"col-md-12 col-sm-12 col-xs-12 pt-cv-content-item pt-cv-1-col\" ><div class='pt-cv-ifield'><a href=\"https:\/\/www.dmsjuridica.com\/buscador_20179478954\/corteconstitucionalcronologico202454587\/t-467-01\/\" class=\"_self pt-cv-href-thumbnail pt-cv-thumb-default\" target=\"_self\" ><\/a>\n<div class=\"pt-cv-taxoterm above_title\"><a href='https:\/\/www.dmsjuridica.com\/buscador_20179478954\/corteconstitucionalcronologico202454587\/category\/buscar-en-toda-la-corte\/2001\/tutelas-2001\/' title='Tutelas 2001' class='pt-cv-tax-tutelas-2001'>Tutelas 2001<\/a><\/div>\n<h4 class=\"pt-cv-title\"><a href=\"https:\/\/www.dmsjuridica.com\/buscador_20179478954\/corteconstitucionalcronologico202454587\/t-467-01\/\" class=\"_self\" target=\"_self\" >T-467-01<\/a><\/h4>\n<div class=\"pt-cv-content\">\u00a0 \u00a0 Sentencia T-467\/01 \u00a0 MUJER EMBARAZADA EN CONTRATO A TERMINO FIJO-Protecci\u00f3n\/ACCION DE TUTELA TRANSITORIA DE MUJER EMBARAZADA-Elementos f\u00e1cticos que deben demostrarse \u00a0 Reiteraci\u00f3n de Jurisprudencia \u00a0 Referencia: expediente T-404711 \u00a0 Acci\u00f3n de tutela instaurada por Olga Mar\u00eda Valencia contra Luque Medina y Cia Ltda. \u00a0 Magistrado Ponente: \u00a0 Dr. ALVARO TAFUR GALVIS \u00a0 Bogot\u00e1, D.C., mayo siete (7) de dos mil uno (2001). \u00a0 La Sala Octava de Revisi\u00f3n de la Corte Constitucional, en ejercicio de sus competencias constitucionales y legales, en particular las contenidas en los art\u00edculos 86 y 241, numeral 9, de la Constituci\u00f3n y el Decreto ...<br \/><div class=\"pt-cv-rmwrap\"><a href=\"https:\/\/www.dmsjuridica.com\/buscador_20179478954\/corteconstitucionalcronologico202454587\/t-467-01\/\" class=\"_self pt-cv-readmore btn btn-success\" target=\"_self\">Ver Sentencia Completa...<\/a><\/div><\/div><\/div><\/div>\n<div class=\"col-md-12 col-sm-12 col-xs-12 pt-cv-content-item pt-cv-1-col\" ><div class='pt-cv-ifield'><a href=\"https:\/\/www.dmsjuridica.com\/buscador_20179478954\/corteconstitucionalcronologico202454587\/t-466-01\/\" class=\"_self pt-cv-href-thumbnail pt-cv-thumb-default\" target=\"_self\" ><\/a>\n<div class=\"pt-cv-taxoterm above_title\"><a href='https:\/\/www.dmsjuridica.com\/buscador_20179478954\/corteconstitucionalcronologico202454587\/category\/buscar-en-toda-la-corte\/2001\/tutelas-2001\/' title='Tutelas 2001' class='pt-cv-tax-tutelas-2001'>Tutelas 2001<\/a><\/div>\n<h4 class=\"pt-cv-title\"><a href=\"https:\/\/www.dmsjuridica.com\/buscador_20179478954\/corteconstitucionalcronologico202454587\/t-466-01\/\" class=\"_self\" target=\"_self\" >T-466-01<\/a><\/h4>\n<div class=\"pt-cv-content\">\u00a0 \u00a0 Sentencia T-466\/01 \u00a0 ACCION DE TUTELA-Procedencia excepcional pago de acreencias laborales \u00a0 DERECHO AL MINIMO VITAL DEL PENSIONADO-Pago oportuno de mesadas \u00a0 EMPLEADOR-Situaci\u00f3n econ\u00f3mica o presupuestal no es \u00f3bice para desconocer obligaciones laborales \u00a0 Reiteraci\u00f3n de Jurisprudencia \u00a0 Referencia: expedientes T-404412 y T-404414 \u00a0 Acciones de tutela instauradas por Hermes L\u00f3pez Saenz y Luis Angel Garc\u00eda contra el Municipio de Santiago de Cali. \u00a0 \u00a0 \u00a0 Magistrado Ponente:\u00a0 \u00a0 Dr. ALVARO TAFUR GALVIS \u00a0 Bogot\u00e1, D.C. mayo siete (7) de dos mil uno (2001). \u00a0 La Sala Octava de Revisi\u00f3n de la Corte Constitucional, en ejercicio de sus ...<br \/><div class=\"pt-cv-rmwrap\"><a href=\"https:\/\/www.dmsjuridica.com\/buscador_20179478954\/corteconstitucionalcronologico202454587\/t-466-01\/\" class=\"_self pt-cv-readmore btn btn-success\" target=\"_self\">Ver Sentencia Completa...<\/a><\/div><\/div><\/div><\/div>\n<div class=\"col-md-12 col-sm-12 col-xs-12 pt-cv-content-item pt-cv-1-col\" ><div class='pt-cv-ifield'><a href=\"https:\/\/www.dmsjuridica.com\/buscador_20179478954\/corteconstitucionalcronologico202454587\/t-465-01\/\" class=\"_self pt-cv-href-thumbnail pt-cv-thumb-default\" target=\"_self\" ><\/a>\n<div class=\"pt-cv-taxoterm above_title\"><a href='https:\/\/www.dmsjuridica.com\/buscador_20179478954\/corteconstitucionalcronologico202454587\/category\/buscar-en-toda-la-corte\/2001\/tutelas-2001\/' title='Tutelas 2001' class='pt-cv-tax-tutelas-2001'>Tutelas 2001<\/a><\/div>\n<h4 class=\"pt-cv-title\"><a href=\"https:\/\/www.dmsjuridica.com\/buscador_20179478954\/corteconstitucionalcronologico202454587\/t-465-01\/\" class=\"_self\" target=\"_self\" >T-465-01<\/a><\/h4>\n<div class=\"pt-cv-content\">\u00a0 \u00a0 Sentencia T-465\/01 \u00a0 ACCION DE TUTELA-Hecho superado por cirug\u00eda de cataratas \u00a0 Reiteraci\u00f3n de Jurisprudencia \u00a0 Referencia: expediente T- 374379 \u00a0 Acci\u00f3n de tutela instaurada por Gustavo Silva Caballero contra el Instituto de Seguros Sociales. \u00a0 Magistrado Ponente: \u00a0 Dr. ALVARO TAFUR GALVIS \u00a0 Bogot\u00e1, D.C. mayo siete (7) de dos mil uno (2001). \u00a0 La Sala Octava de Revisi\u00f3n de la Corte Constitucional, en ejercicio de sus competencias constitucionales y legales, en particular las contenidas en los art\u00edculos 86 y 241, numeral 9, de la Constituci\u00f3n y en el Decreto 2591 de 1991, ha proferido la siguiente ...<br \/><div class=\"pt-cv-rmwrap\"><a href=\"https:\/\/www.dmsjuridica.com\/buscador_20179478954\/corteconstitucionalcronologico202454587\/t-465-01\/\" class=\"_self pt-cv-readmore btn btn-success\" target=\"_self\">Ver Sentencia Completa...<\/a><\/div><\/div><\/div><\/div>\n<div class=\"col-md-12 col-sm-12 col-xs-12 pt-cv-content-item pt-cv-1-col\" ><div class='pt-cv-ifield'><a href=\"https:\/\/www.dmsjuridica.com\/buscador_20179478954\/corteconstitucionalcronologico202454587\/t-464-01\/\" class=\"_self pt-cv-href-thumbnail pt-cv-thumb-default\" target=\"_self\" ><\/a>\n<div class=\"pt-cv-taxoterm above_title\"><a href='https:\/\/www.dmsjuridica.com\/buscador_20179478954\/corteconstitucionalcronologico202454587\/category\/buscar-en-toda-la-corte\/2001\/tutelas-2001\/' title='Tutelas 2001' class='pt-cv-tax-tutelas-2001'>Tutelas 2001<\/a><\/div>\n<h4 class=\"pt-cv-title\"><a href=\"https:\/\/www.dmsjuridica.com\/buscador_20179478954\/corteconstitucionalcronologico202454587\/t-464-01\/\" class=\"_self\" target=\"_self\" >T-464-01<\/a><\/h4>\n<div class=\"pt-cv-content\">\u00a0 \u00a0 Sentencia T-464\/01 \u00a0 ACCION DE TUTELA CONTRA PARTICULARES-Subordinaci\u00f3n \u00a0 DERECHO AL PAGO OPORTUNO DEL SALARIO-Fundamental \u00a0 ACCION DE TUTELA-Procedencia excepcional pago de salarios \u00a0 DERECHO AL MINIMO VITAL DEL TRABAJADOR-Pago oportuno de salarios \u00a0 Referencia: expediente T-415107 \u00a0 Accionante: Luz Marina Londo\u00f1o de Cairoza \u00a0 Accionado: Sociedad Residencias Colonial Ltda \u00a0 Procedencia: Juzgado Civil del Circuito de San Andr\u00e9s Isla \u00a0 Magistrado Ponente:\u00a0 \u00a0 Dr. MARCO GERARDO MONROY CABRA \u00a0 Bogot\u00e1 D.C., \u00a0tres (3) de mayo de dos mil (2001) \u00a0 La Sala Sexta de Revisi\u00f3n de la Corte Constitucional, integrada por los Magistrados Marco Gerardo Monroy Cabra, ...<br \/><div class=\"pt-cv-rmwrap\"><a href=\"https:\/\/www.dmsjuridica.com\/buscador_20179478954\/corteconstitucionalcronologico202454587\/t-464-01\/\" class=\"_self pt-cv-readmore btn btn-success\" target=\"_self\">Ver Sentencia Completa...<\/a><\/div><\/div><\/div><\/div>\n<div class=\"col-md-12 col-sm-12 col-xs-12 pt-cv-content-item pt-cv-1-col\" ><div class='pt-cv-ifield'><a href=\"https:\/\/www.dmsjuridica.com\/buscador_20179478954\/corteconstitucionalcronologico202454587\/t-463-01\/\" class=\"_self pt-cv-href-thumbnail pt-cv-thumb-default\" target=\"_self\" ><\/a>\n<div class=\"pt-cv-taxoterm above_title\"><a href='https:\/\/www.dmsjuridica.com\/buscador_20179478954\/corteconstitucionalcronologico202454587\/category\/buscar-en-toda-la-corte\/2001\/tutelas-2001\/' title='Tutelas 2001' class='pt-cv-tax-tutelas-2001'>Tutelas 2001<\/a><\/div>\n<h4 class=\"pt-cv-title\"><a href=\"https:\/\/www.dmsjuridica.com\/buscador_20179478954\/corteconstitucionalcronologico202454587\/t-463-01\/\" class=\"_self\" target=\"_self\" >T-463-01<\/a><\/h4>\n<div class=\"pt-cv-content\">\u00a0 \u00a0 Sentencia T-463\/01 \u00a0 DERECHO DE PETICION-Obtenci\u00f3n de informaci\u00f3n \u00a0 Dentro de las finalidades perseguidas por el derecho de petici\u00f3n est\u00e1 la de obtener informaci\u00f3n a trav\u00e9s de su contestaci\u00f3n. Este tipo de peticiones han sido denominadas peticiones de informaci\u00f3n, modalidad la cual es regulada en el C\u00f3digo Contencioso Administrativo art\u00edculo 18 inciso final. \u00a0 DERECHO DE PETICION-No es subsidiario \u00a0 No se establece como requisito para ejercer el derecho de petici\u00f3n tendiente a la consecuci\u00f3n de informaci\u00f3n que \u00e9ste sea el \u00fanico mecanismo id\u00f3neo para conseguirla. Si bien pueden existir otros mecanismos cuya finalidad sea \u00a0dirigida con mayor ...<br \/><div class=\"pt-cv-rmwrap\"><a href=\"https:\/\/www.dmsjuridica.com\/buscador_20179478954\/corteconstitucionalcronologico202454587\/t-463-01\/\" class=\"_self pt-cv-readmore btn btn-success\" target=\"_self\">Ver Sentencia Completa...<\/a><\/div><\/div><\/div><\/div>\n<div class=\"col-md-12 col-sm-12 col-xs-12 pt-cv-content-item pt-cv-1-col\" ><div class='pt-cv-ifield'><a href=\"https:\/\/www.dmsjuridica.com\/buscador_20179478954\/corteconstitucionalcronologico202454587\/t-462-01\/\" class=\"_self pt-cv-href-thumbnail pt-cv-thumb-default\" target=\"_self\" ><\/a>\n<div class=\"pt-cv-taxoterm above_title\"><a href='https:\/\/www.dmsjuridica.com\/buscador_20179478954\/corteconstitucionalcronologico202454587\/category\/buscar-en-toda-la-corte\/2001\/tutelas-2001\/' title='Tutelas 2001' class='pt-cv-tax-tutelas-2001'>Tutelas 2001<\/a><\/div>\n<h4 class=\"pt-cv-title\"><a href=\"https:\/\/www.dmsjuridica.com\/buscador_20179478954\/corteconstitucionalcronologico202454587\/t-462-01\/\" class=\"_self\" target=\"_self\" >T-462-01<\/a><\/h4>\n<div class=\"pt-cv-content\">\u00a0 \u00a0 Sentencia T-462\/01 \u00a0 ACCION DE TUTELA-Procedencia excepcional pago de salarios \u00a0 DERECHO AL MINIMO VITAL-Prueba de la amenaza \u00a0 Referencia: expediente T-407.726 \u00a0 Peticionarios: Jes\u00fas Mar\u00eda Cardona Villadales y otros \u00a0 Procedencia: Tribunal Superior de Antioquia, Sala Laboral \u00a0 Magistrado Ponente: \u00a0 Dr. MARCO GERARDO MONROY CABRA \u00a0 Bogot\u00e1, D.C. tres (3) de mayo de dos mil uno (2001) \u00a0 La Sala Sexta de Revisi\u00f3n de tutelas de la Corte Constitucional, conformada por los magistrados Dr. Marco Gerardo Monroy Cabra -quien la preside-, Eduardo Montealegre Lynett y Alvaro Tafur G\u00e1lvis, ha preferido la siguiente \u00a0 S E N ...<br \/><div class=\"pt-cv-rmwrap\"><a href=\"https:\/\/www.dmsjuridica.com\/buscador_20179478954\/corteconstitucionalcronologico202454587\/t-462-01\/\" class=\"_self pt-cv-readmore btn btn-success\" target=\"_self\">Ver Sentencia Completa...<\/a><\/div><\/div><\/div><\/div>\n<div class=\"col-md-12 col-sm-12 col-xs-12 pt-cv-content-item pt-cv-1-col\" ><div class='pt-cv-ifield'><a href=\"https:\/\/www.dmsjuridica.com\/buscador_20179478954\/corteconstitucionalcronologico202454587\/t-461-01\/\" class=\"_self pt-cv-href-thumbnail pt-cv-thumb-default\" target=\"_self\" ><\/a>\n<div class=\"pt-cv-taxoterm above_title\"><a href='https:\/\/www.dmsjuridica.com\/buscador_20179478954\/corteconstitucionalcronologico202454587\/category\/buscar-en-toda-la-corte\/2001\/tutelas-2001\/' title='Tutelas 2001' class='pt-cv-tax-tutelas-2001'>Tutelas 2001<\/a><\/div>\n<h4 class=\"pt-cv-title\"><a href=\"https:\/\/www.dmsjuridica.com\/buscador_20179478954\/corteconstitucionalcronologico202454587\/t-461-01\/\" class=\"_self\" target=\"_self\" >T-461-01<\/a><\/h4>\n<div class=\"pt-cv-content\">\u00a0 \u00a0 Sentencia T-461\/01 \u00a0 DERECHO A LA SALUD-Cirug\u00eda de mamoplastia reductora \u00a0 Referencia: expediente T-404937\u00a0 \u00a0 Acci\u00f3n de tutela instaurada por Martha Luc\u00eda Rodr\u00edguez Espinosa contra el Instituto de Seguros Sociales E.P.S. \u00a0 \u00a0 Magistrado Ponente:\u00a0 \u00a0 Dr. MARCO GERARDO MONROY CABRA \u00a0 Santa Fe de Bogot\u00e1, tres (3) de mayo dos mil uno (2001) \u00a0 La Sala Sexta de Revisi\u00f3n de la Corte Constitucional, integrada por los Magistrados Marco Gerardo Monroy Cabra quien la preside, Eduardo Montealegre Lynett, y Alvaro Tafur Galvis, en ejercicio de sus competencias constitucionales y legales, ha proferido la siguiente \u00a0 \u00a0 \u00a0 SENTENCIA ...<br \/><div class=\"pt-cv-rmwrap\"><a href=\"https:\/\/www.dmsjuridica.com\/buscador_20179478954\/corteconstitucionalcronologico202454587\/t-461-01\/\" class=\"_self pt-cv-readmore btn btn-success\" target=\"_self\">Ver Sentencia Completa...<\/a><\/div><\/div><\/div><\/div>\n<div class=\"col-md-12 col-sm-12 col-xs-12 pt-cv-content-item pt-cv-1-col\" ><div class='pt-cv-ifield'><a href=\"https:\/\/www.dmsjuridica.com\/buscador_20179478954\/corteconstitucionalcronologico202454587\/t-460-01\/\" class=\"_self pt-cv-href-thumbnail pt-cv-thumb-default\" target=\"_self\" ><\/a>\n<div class=\"pt-cv-taxoterm above_title\"><a href='https:\/\/www.dmsjuridica.com\/buscador_20179478954\/corteconstitucionalcronologico202454587\/category\/buscar-en-toda-la-corte\/2001\/tutelas-2001\/' title='Tutelas 2001' class='pt-cv-tax-tutelas-2001'>Tutelas 2001<\/a><\/div>\n<h4 class=\"pt-cv-title\"><a href=\"https:\/\/www.dmsjuridica.com\/buscador_20179478954\/corteconstitucionalcronologico202454587\/t-460-01\/\" class=\"_self\" target=\"_self\" >T-460-01<\/a><\/h4>\n<div class=\"pt-cv-content\">\u00a0 \u00a0 Sentencia T-460\/01 \u00a0 SUSTITUCION PENSIONAL-No pago de aportes de salud por ser la mesada pensional inferior al salario m\u00ednimo legal vigente \u00a0 Referencia: expediente T-389396 \u00a0 Acci\u00f3n de tutela incoada por Mar\u00eda Elba Blanco de Salgado contra la Gobernaci\u00f3n del Valle del Cauca. \u00a0 Magistrado Ponente: \u00a0 Dr. JAIME C\u00d3RDOBA TRIVI\u00d1O \u00a0 Bogot\u00e1, D.C., siete (7) de mayo de dos mil uno (2001). \u00a0 La Sala Cuarta de Revisi\u00f3n de la Corte Constitucional, en ejercicio de sus competencias constitucionales y legales, espec\u00edficamente las previstas en los art\u00edculos 86 y 241, numeral 9, de la Constituci\u00f3n Pol\u00edtica y en ...<br \/><div class=\"pt-cv-rmwrap\"><a href=\"https:\/\/www.dmsjuridica.com\/buscador_20179478954\/corteconstitucionalcronologico202454587\/t-460-01\/\" class=\"_self pt-cv-readmore btn btn-success\" target=\"_self\">Ver Sentencia Completa...<\/a><\/div><\/div><\/div><\/div>\n<div class=\"col-md-12 col-sm-12 col-xs-12 pt-cv-content-item pt-cv-1-col\" ><div class='pt-cv-ifield'><a href=\"https:\/\/www.dmsjuridica.com\/buscador_20179478954\/corteconstitucionalcronologico202454587\/t-459-01\/\" class=\"_self pt-cv-href-thumbnail pt-cv-thumb-default\" target=\"_self\" ><\/a>\n<div class=\"pt-cv-taxoterm above_title\"><a href='https:\/\/www.dmsjuridica.com\/buscador_20179478954\/corteconstitucionalcronologico202454587\/category\/buscar-en-toda-la-corte\/2001\/tutelas-2001\/' title='Tutelas 2001' class='pt-cv-tax-tutelas-2001'>Tutelas 2001<\/a><\/div>\n<h4 class=\"pt-cv-title\"><a href=\"https:\/\/www.dmsjuridica.com\/buscador_20179478954\/corteconstitucionalcronologico202454587\/t-459-01\/\" class=\"_self\" target=\"_self\" >T-459-01<\/a><\/h4>\n<div class=\"pt-cv-content\">\u00a0 \u00a0 Sentencia T-459\/01 \u00a0 ESTABLECIMIENTO HOSPITALARIO-Situaci\u00f3n econ\u00f3mica o presupuestal no es \u00f3bice para desconocer obligaciones laborales\/HOSPITAL LORENCITA VILLEGAS DE SANTOS-Pago de acreencias laborales \u00a0 -Reiteraci\u00f3n de Jurisprudencia- \u00a0 Referencia: expediente T-408726 \u00a0 Acci\u00f3n de tutela instaurada por la Asociaci\u00f3n de Pensionados del Hospital Infantil Universitario Lorencita Villegas de Santos contra el Hospital Infantil Universitario Lorencita Villegas de Santos en liquidaci\u00f3n y otros.\u00a0 \u00a0 Magistrado Ponente: \u00a0 Dr. JAIME C\u00d3RDOBA TRIVI\u00d1O \u00a0 Bogot\u00e1, D. C., siete (7) de mayo del dos mil uno (2001). \u00a0 La Sala Cuarta de Revisi\u00f3n de la Corte Constitucional, en ejercicio de sus competencias constitucionales ...<br \/><div class=\"pt-cv-rmwrap\"><a href=\"https:\/\/www.dmsjuridica.com\/buscador_20179478954\/corteconstitucionalcronologico202454587\/t-459-01\/\" class=\"_self pt-cv-readmore btn btn-success\" target=\"_self\">Ver Sentencia Completa...<\/a><\/div><\/div><\/div><\/div>\n<div class=\"col-md-12 col-sm-12 col-xs-12 pt-cv-content-item pt-cv-1-col\" ><div class='pt-cv-ifield'><a href=\"https:\/\/www.dmsjuridica.com\/buscador_20179478954\/corteconstitucionalcronologico202454587\/t-458-01\/\" class=\"_self pt-cv-href-thumbnail pt-cv-thumb-default\" target=\"_self\" ><\/a>\n<div class=\"pt-cv-taxoterm above_title\"><a href='https:\/\/www.dmsjuridica.com\/buscador_20179478954\/corteconstitucionalcronologico202454587\/category\/buscar-en-toda-la-corte\/2001\/tutelas-2001\/' title='Tutelas 2001' class='pt-cv-tax-tutelas-2001'>Tutelas 2001<\/a><\/div>\n<h4 class=\"pt-cv-title\"><a href=\"https:\/\/www.dmsjuridica.com\/buscador_20179478954\/corteconstitucionalcronologico202454587\/t-458-01\/\" class=\"_self\" target=\"_self\" >T-458-01<\/a><\/h4>\n<div class=\"pt-cv-content\">\u00a0 \u00a0 Sentencia T-458\/01 \u00a0 ACCION DE TUTELA-Pago de salarios atrasados \u00a0 -Reiteraci\u00f3n de Jurisprudencia- \u00a0 Referencia: expediente T-417509 \u00a0 Acci\u00f3n de tutela instaurada por Jaime Becerra contra el Municipio de Santiago de Cali y otro. \u00a0 Magistrado Ponente: \u00a0 Dr. JAIME C\u00d3RDOBA TRIVI\u00d1O \u00a0 Bogot\u00e1, D. C., siete (7) de mayo del dos mil uno (2001). \u00a0 La Sala Cuarta de Revisi\u00f3n de la Corte Constitucional, en ejercicio de sus competencias constitucionales y legales, en particular las contenidas en los art\u00edculos 86 y 241, numeral 9, de la Constituci\u00f3n y en el Decreto 2591 de 1991, ha proferido la ...<br \/><div class=\"pt-cv-rmwrap\"><a href=\"https:\/\/www.dmsjuridica.com\/buscador_20179478954\/corteconstitucionalcronologico202454587\/t-458-01\/\" class=\"_self pt-cv-readmore btn btn-success\" target=\"_self\">Ver Sentencia Completa...<\/a><\/div><\/div><\/div><\/div>\n<div class=\"col-md-12 col-sm-12 col-xs-12 pt-cv-content-item pt-cv-1-col\" ><div class='pt-cv-ifield'><a href=\"https:\/\/www.dmsjuridica.com\/buscador_20179478954\/corteconstitucionalcronologico202454587\/t-457-01\/\" class=\"_self pt-cv-href-thumbnail pt-cv-thumb-default\" target=\"_self\" ><\/a>\n<div class=\"pt-cv-taxoterm above_title\"><a href='https:\/\/www.dmsjuridica.com\/buscador_20179478954\/corteconstitucionalcronologico202454587\/category\/buscar-en-toda-la-corte\/2001\/tutelas-2001\/' title='Tutelas 2001' class='pt-cv-tax-tutelas-2001'>Tutelas 2001<\/a><\/div>\n<h4 class=\"pt-cv-title\"><a href=\"https:\/\/www.dmsjuridica.com\/buscador_20179478954\/corteconstitucionalcronologico202454587\/t-457-01\/\" class=\"_self\" target=\"_self\" >T-457-01<\/a><\/h4>\n<div class=\"pt-cv-content\">\u00a0 \u00a0 Sentencia T-457\/01 \u00a0 DERECHO A LA SALUD-Car\u00e1cter prestacional \u00a0 ACCION DE TUTELA DE UN DERECHO PRESTACIONAL-Requisitos concurrentes \u00a0 PRINCIPIO DE CONTINUIDAD EN LOS SERVICIOS PUBLICOS-Alcance \u00a0 DERECHO A LA SALUD-Pr\u00e1ctica de ex\u00e1menes m\u00e9dicos \u00a0 La pr\u00e1ctica de ex\u00e1menes m\u00e9dicos constituye la principal fuente para el diagn\u00f3stico de las condici\u00f3n de salud de un paciente y por ende proporcionan la informaci\u00f3n indispensable para definir el diagn\u00f3stico y tratamiento a seguir, m\u00e1s a\u00fan como en el caso sub lite, no representa una leve sospecha de que algo anda mal sino que por el contrario, los dos abortos padecidos por la ...<br \/><div class=\"pt-cv-rmwrap\"><a href=\"https:\/\/www.dmsjuridica.com\/buscador_20179478954\/corteconstitucionalcronologico202454587\/t-457-01\/\" class=\"_self pt-cv-readmore btn btn-success\" target=\"_self\">Ver Sentencia Completa...<\/a><\/div><\/div><\/div><\/div>\n<div class=\"col-md-12 col-sm-12 col-xs-12 pt-cv-content-item pt-cv-1-col\" ><div class='pt-cv-ifield'><a href=\"https:\/\/www.dmsjuridica.com\/buscador_20179478954\/corteconstitucionalcronologico202454587\/t-456-01\/\" class=\"_self pt-cv-href-thumbnail pt-cv-thumb-default\" target=\"_self\" ><\/a>\n<div class=\"pt-cv-taxoterm above_title\"><a href='https:\/\/www.dmsjuridica.com\/buscador_20179478954\/corteconstitucionalcronologico202454587\/category\/buscar-en-toda-la-corte\/2001\/tutelas-2001\/' title='Tutelas 2001' class='pt-cv-tax-tutelas-2001'>Tutelas 2001<\/a><\/div>\n<h4 class=\"pt-cv-title\"><a href=\"https:\/\/www.dmsjuridica.com\/buscador_20179478954\/corteconstitucionalcronologico202454587\/t-456-01\/\" class=\"_self\" target=\"_self\" >T-456-01<\/a><\/h4>\n<div class=\"pt-cv-content\">\u00a0 \u00a0 Sentencia T-456\/01 \u00a0 PROCURADURIA GENERAL DE LA NACI\u00d3N-Cl\u00e1usula general de competencia\u00a0 \u00a0 El art\u00edculo 277 constitucional consagra una cl\u00e1usula general de competencia en materia disciplinaria, radicada en cabeza de la Procuradur\u00eda General de la Naci\u00f3n. No deja duda de que la competencia all\u00ed asignada en materia disciplinaria, no es de aquellas que se predican exclusivamente del Procurador General, sino que el texto fundamental consagra la posibilidad de que sea ejercida, en los t\u00e9rminos previstos en la ley, directamente por el mismo Jefe del Ministerio P\u00fablico o por medio de sus delegados y agentes, que es precisamente lo que ...<br \/><div class=\"pt-cv-rmwrap\"><a href=\"https:\/\/www.dmsjuridica.com\/buscador_20179478954\/corteconstitucionalcronologico202454587\/t-456-01\/\" class=\"_self pt-cv-readmore btn btn-success\" target=\"_self\">Ver Sentencia Completa...<\/a><\/div><\/div><\/div><\/div>\n<div class=\"col-md-12 col-sm-12 col-xs-12 pt-cv-content-item pt-cv-1-col\" ><div class='pt-cv-ifield'><a href=\"https:\/\/www.dmsjuridica.com\/buscador_20179478954\/corteconstitucionalcronologico202454587\/t-455-01\/\" class=\"_self pt-cv-href-thumbnail pt-cv-thumb-default\" target=\"_self\" ><\/a>\n<div class=\"pt-cv-taxoterm above_title\"><a href='https:\/\/www.dmsjuridica.com\/buscador_20179478954\/corteconstitucionalcronologico202454587\/category\/buscar-en-toda-la-corte\/2001\/tutelas-2001\/' title='Tutelas 2001' class='pt-cv-tax-tutelas-2001'>Tutelas 2001<\/a><\/div>\n<h4 class=\"pt-cv-title\"><a href=\"https:\/\/www.dmsjuridica.com\/buscador_20179478954\/corteconstitucionalcronologico202454587\/t-455-01\/\" class=\"_self\" target=\"_self\" >T-455-01<\/a><\/h4>\n<div class=\"pt-cv-content\">\u00a0 \u00a0 Sentencia T-455\/01 \u00a0 ACCION DE TUTELA-Pago de salarios atrasados \u00a0 Reiteraci\u00f3n de Jurisprudencia \u00a0 Referencia: expediente T-411183 \u00a0 Acci\u00f3n de tutela instaurada por Yonis Eduardo \u00c1lvarez Rojano contra Residencias Colonial Ltda. \u00a0 Magistrado Ponente: \u00a0 Dr. RODRIGO ESCOBAR GIL \u00a0 Bogot\u00e1 D.C., a los cuatro (4) d\u00edas del mes de mayo de dos mil uno (2001). \u00a0 La Sala Quinta de Revisi\u00f3n de la Corte Constitucional, integrada por los Magistrados MARCO GERARDO MONROY CABRA, EDUARDO MONTEALEGRE LYNETT y RODRIGO ESCOBAR GIL, en ejercicio de sus competencias constitucionales y legales, ha proferido la siguiente \u00a0 SENTENCIA \u00a0 que pone ...<br \/><div class=\"pt-cv-rmwrap\"><a href=\"https:\/\/www.dmsjuridica.com\/buscador_20179478954\/corteconstitucionalcronologico202454587\/t-455-01\/\" class=\"_self pt-cv-readmore btn btn-success\" target=\"_self\">Ver Sentencia Completa...<\/a><\/div><\/div><\/div><\/div>\n<div class=\"col-md-12 col-sm-12 col-xs-12 pt-cv-content-item pt-cv-1-col\" ><div class='pt-cv-ifield'><a href=\"https:\/\/www.dmsjuridica.com\/buscador_20179478954\/corteconstitucionalcronologico202454587\/t-454-01\/\" class=\"_self pt-cv-href-thumbnail pt-cv-thumb-default\" target=\"_self\" ><\/a>\n<div class=\"pt-cv-taxoterm above_title\"><a href='https:\/\/www.dmsjuridica.com\/buscador_20179478954\/corteconstitucionalcronologico202454587\/category\/buscar-en-toda-la-corte\/2001\/tutelas-2001\/' title='Tutelas 2001' class='pt-cv-tax-tutelas-2001'>Tutelas 2001<\/a><\/div>\n<h4 class=\"pt-cv-title\"><a href=\"https:\/\/www.dmsjuridica.com\/buscador_20179478954\/corteconstitucionalcronologico202454587\/t-454-01\/\" class=\"_self\" target=\"_self\" >T-454-01<\/a><\/h4>\n<div class=\"pt-cv-content\">\u00a0 \u00a0 Sentencia T-454\/01 \u00a0 ACCION DE TUTELA-Pago de mesadas pensionales \u00a0 Reiteraci\u00f3n de Jurisprudencia \u00a0 Referencia: expedientes T-406799 y T-407414 \u00a0 Acciones de tutela instauradas por Aura Estela de la Hoz Medina y Carmen Alicia Acu\u00f1a de Fuentes contra el Rector de la Universidad del Atl\u00e1ntico. \u00a0 Magistrado Ponente: \u00a0 Dr. RODRIGO ESCOBAR GIL \u00a0 Bogot\u00e1 D.C., a los cuatro (4) d\u00edas del mes de mayo del a\u00f1o dos mil uno (2001). \u00a0 La Sala Quinta de Revisi\u00f3n de Tutelas de la Corte Constitucional, integrada por los Magistrados, MARCO GERARDO MONROY CABRA, EDUARDO MONTEALEGRE LYNETT Y RODRIGO ESCOBAR GIL, ...<br \/><div class=\"pt-cv-rmwrap\"><a href=\"https:\/\/www.dmsjuridica.com\/buscador_20179478954\/corteconstitucionalcronologico202454587\/t-454-01\/\" class=\"_self pt-cv-readmore btn btn-success\" target=\"_self\">Ver Sentencia Completa...<\/a><\/div><\/div><\/div><\/div>\n<div class=\"col-md-12 col-sm-12 col-xs-12 pt-cv-content-item pt-cv-1-col\" ><div class='pt-cv-ifield'><a href=\"https:\/\/www.dmsjuridica.com\/buscador_20179478954\/corteconstitucionalcronologico202454587\/t-453-01\/\" class=\"_self pt-cv-href-thumbnail pt-cv-thumb-default\" target=\"_self\" ><\/a>\n<div class=\"pt-cv-taxoterm above_title\"><a href='https:\/\/www.dmsjuridica.com\/buscador_20179478954\/corteconstitucionalcronologico202454587\/category\/buscar-en-toda-la-corte\/2001\/tutelas-2001\/' title='Tutelas 2001' class='pt-cv-tax-tutelas-2001'>Tutelas 2001<\/a><\/div>\n<h4 class=\"pt-cv-title\"><a href=\"https:\/\/www.dmsjuridica.com\/buscador_20179478954\/corteconstitucionalcronologico202454587\/t-453-01\/\" class=\"_self\" target=\"_self\" >T-453-01<\/a><\/h4>\n<div class=\"pt-cv-content\">\u00a0 \u00a0 Sentencia T-453\/01 \u00a0 ACCION DE TUTELA TRANSITORIA-Improcedencia incremento salarial para servidores p\u00fablicos \u00a0 Reiteraci\u00f3n de Jurisprudencia \u00a0 Referencia: expedientes T-348758 y T-394627 (Acumulados). \u00a0 Acciones de tutela instauradas por Cecilia Mercedes De Andreis Ram\u00edrez y H\u00e9ctor William Armero Castro y otros en contra de la Naci\u00f3n, el Ministerio de Hacienda y Cr\u00e9dito P\u00fablico, el Ministerio de Educaci\u00f3n, Ministerio del Trabajo y el Departamento Administrativo de la Funci\u00f3n P\u00fablica. \u00a0 \u00a0 Magistrado Ponente: \u00a0 Dr. RODRIGO ESCOBAR GIL \u00a0 Bogot\u00e1, D.C., mayo cuatro (4) de dos mil uno (2001). \u00a0 La Sala Quinta de Revisi\u00f3n de la Corte Constitucional, ...<br \/><div class=\"pt-cv-rmwrap\"><a href=\"https:\/\/www.dmsjuridica.com\/buscador_20179478954\/corteconstitucionalcronologico202454587\/t-453-01\/\" class=\"_self pt-cv-readmore btn btn-success\" target=\"_self\">Ver Sentencia Completa...<\/a><\/div><\/div><\/div><\/div>\n<div class=\"col-md-12 col-sm-12 col-xs-12 pt-cv-content-item pt-cv-1-col\" ><div class='pt-cv-ifield'><a href=\"https:\/\/www.dmsjuridica.com\/buscador_20179478954\/corteconstitucionalcronologico202454587\/t-452-01\/\" class=\"_self pt-cv-href-thumbnail pt-cv-thumb-default\" target=\"_self\" ><\/a>\n<div class=\"pt-cv-taxoterm above_title\"><a href='https:\/\/www.dmsjuridica.com\/buscador_20179478954\/corteconstitucionalcronologico202454587\/category\/buscar-en-toda-la-corte\/2001\/tutelas-2001\/' title='Tutelas 2001' class='pt-cv-tax-tutelas-2001'>Tutelas 2001<\/a><\/div>\n<h4 class=\"pt-cv-title\"><a href=\"https:\/\/www.dmsjuridica.com\/buscador_20179478954\/corteconstitucionalcronologico202454587\/t-452-01\/\" class=\"_self\" target=\"_self\" >T-452-01<\/a><\/h4>\n<div class=\"pt-cv-content\">\u00a0 \u00a0 Sentencia T-452\/01 \u00a0 AGENCIA OFICIOSA-Persona que se encuentra enferma por haber sido sometida a cirug\u00eda \u00a0 Lo que est\u00e1 en juego es la posibilidad de asegurar a todos los ciudadanos, a\u00fan a aquellos que se encuentran impedidos f\u00edsica o jur\u00eddicamente para actuar por s\u00ed mismos, \u00a0que puedan ejercer una acci\u00f3n judicial en la que se tome una determinaci\u00f3n concreta acerca de la posible violaci\u00f3n de sus derechos fundamentales y, de ser procedente, obtener un pronto remedio jur\u00eddico. \u00a0S\u00f3lo en la medida en que los mecanismos de protecci\u00f3n de los derechos fundamentales se puedan garantizar a todas las personas, ...<br \/><div class=\"pt-cv-rmwrap\"><a href=\"https:\/\/www.dmsjuridica.com\/buscador_20179478954\/corteconstitucionalcronologico202454587\/t-452-01\/\" class=\"_self pt-cv-readmore btn btn-success\" target=\"_self\">Ver Sentencia Completa...<\/a><\/div><\/div><\/div><\/div>\n<div class=\"col-md-12 col-sm-12 col-xs-12 pt-cv-content-item pt-cv-1-col\" ><div class='pt-cv-ifield'><a href=\"https:\/\/www.dmsjuridica.com\/buscador_20179478954\/corteconstitucionalcronologico202454587\/t-451-01\/\" class=\"_self pt-cv-href-thumbnail pt-cv-thumb-default\" target=\"_self\" ><\/a>\n<div class=\"pt-cv-taxoterm above_title\"><a href='https:\/\/www.dmsjuridica.com\/buscador_20179478954\/corteconstitucionalcronologico202454587\/category\/buscar-en-toda-la-corte\/2001\/tutelas-2001\/' title='Tutelas 2001' class='pt-cv-tax-tutelas-2001'>Tutelas 2001<\/a><\/div>\n<h4 class=\"pt-cv-title\"><a href=\"https:\/\/www.dmsjuridica.com\/buscador_20179478954\/corteconstitucionalcronologico202454587\/t-451-01\/\" class=\"_self\" target=\"_self\" >T-451-01<\/a><\/h4>\n<div class=\"pt-cv-content\">\u00a0 \u00a0 Sentencia T-451\/01 \u00a0 CONCURSO DE MERITOS EN LA RAMA JUDICIAL-Criterios de selecci\u00f3n \u00a0 De la jurisprudencia, se pueden deducir los siguientes criterios que delimitan el margen del nominador: 1\u00b0) El nominador s\u00f3lo puede excluir nombres de la lista de elegibles, es decir, no puede alterar el orden de la misma. 2\u00b0) La exclusi\u00f3n de alguno o algunos de los candidatos, debe ser motivada. 3\u00b0) La motivaci\u00f3n debe ser objetiva, s\u00f3lida y expl\u00edcita. 4\u00b0) La motivaci\u00f3n debe estar fundamentada en argumentos espec\u00edficos. 5\u00b0) Los argumentos deben versar sobre: a) los antecedentes penales del candidato; b) sus antecedentes disciplinarios; c) ...<br \/><div class=\"pt-cv-rmwrap\"><a href=\"https:\/\/www.dmsjuridica.com\/buscador_20179478954\/corteconstitucionalcronologico202454587\/t-451-01\/\" class=\"_self pt-cv-readmore btn btn-success\" target=\"_self\">Ver Sentencia Completa...<\/a><\/div><\/div><\/div><\/div>\n<div class=\"col-md-12 col-sm-12 col-xs-12 pt-cv-content-item pt-cv-1-col\" ><div class='pt-cv-ifield'><a href=\"https:\/\/www.dmsjuridica.com\/buscador_20179478954\/corteconstitucionalcronologico202454587\/t-450-01\/\" class=\"_self pt-cv-href-thumbnail pt-cv-thumb-default\" target=\"_self\" ><\/a>\n<div class=\"pt-cv-taxoterm above_title\"><a href='https:\/\/www.dmsjuridica.com\/buscador_20179478954\/corteconstitucionalcronologico202454587\/category\/buscar-en-toda-la-corte\/2001\/tutelas-2001\/' title='Tutelas 2001' class='pt-cv-tax-tutelas-2001'>Tutelas 2001<\/a><\/div>\n<h4 class=\"pt-cv-title\"><a href=\"https:\/\/www.dmsjuridica.com\/buscador_20179478954\/corteconstitucionalcronologico202454587\/t-450-01\/\" class=\"_self\" target=\"_self\" >T-450-01<\/a><\/h4>\n<div class=\"pt-cv-content\">\u00a0 \u00a0 Sentencia T-450\/01 \u00a0 VIA DE HECHO-Clases de defectos en la actuaci\u00f3n \u00a0 La doctrina constitucional establecida por esta Corte, ha se\u00f1alado con claridad que la acci\u00f3n de tutela procede contra las providencias judiciales, en forma estrictamente excepcional, cuando aquellas configuren una v\u00eda de hecho. Este es un concepto elaborado por la jurisprudencia para referir aquellas actuaciones judiciales en las que el juez que decide un conflicto entre distintos operadores jur\u00eddicos asume una conducta que contrar\u00eda de manera evidente el ordenamiento vigente. Tal comportamiento puede traducirse en (1.) la utilizaci\u00f3n de un poder concedido al juez por el derecho ...<br \/><div class=\"pt-cv-rmwrap\"><a href=\"https:\/\/www.dmsjuridica.com\/buscador_20179478954\/corteconstitucionalcronologico202454587\/t-450-01\/\" class=\"_self pt-cv-readmore btn btn-success\" target=\"_self\">Ver Sentencia Completa...<\/a><\/div><\/div><\/div><\/div>\n<div class=\"col-md-12 col-sm-12 col-xs-12 pt-cv-content-item pt-cv-1-col\" ><div class='pt-cv-ifield'><a href=\"https:\/\/www.dmsjuridica.com\/buscador_20179478954\/corteconstitucionalcronologico202454587\/t-449-01\/\" class=\"_self pt-cv-href-thumbnail pt-cv-thumb-default\" target=\"_self\" ><\/a>\n<div class=\"pt-cv-taxoterm above_title\"><a href='https:\/\/www.dmsjuridica.com\/buscador_20179478954\/corteconstitucionalcronologico202454587\/category\/buscar-en-toda-la-corte\/2001\/tutelas-2001\/' title='Tutelas 2001' class='pt-cv-tax-tutelas-2001'>Tutelas 2001<\/a><\/div>\n<h4 class=\"pt-cv-title\"><a href=\"https:\/\/www.dmsjuridica.com\/buscador_20179478954\/corteconstitucionalcronologico202454587\/t-449-01\/\" class=\"_self\" target=\"_self\" >T-449-01<\/a><\/h4>\n<div class=\"pt-cv-content\">DERECHO A LA SALUD DEL ENFERMO DE SIDA-Fundamental por conexidad con la vida\/ENFERMO DE SIDA-Suministro de tratamiento de alto costo sin cumplir periodo m\u00ednimo de cotizaci\u00f3n \u00a0 DERECHO A LA SALUD-Prueba de la incapacidad econ\u00f3mica para asumir tratamiento\/JUEZ DE TUTELA-Necesidad de practicar pruebas para efectos de la incapacidad econ\u00f3mica \u00a0 Aunque en el presente caso se encuentra probada la incapacidad econ\u00f3mica del accionante, considera la Sala importante precisar el papel del juez de tutela en materia probatoria. Como bien lo se\u00f1ala la Defensor\u00eda del Pueblo en su intervenci\u00f3n, es deber del juez emplear sus potestades para verificar los hechos del ...<br \/><div class=\"pt-cv-rmwrap\"><a href=\"https:\/\/www.dmsjuridica.com\/buscador_20179478954\/corteconstitucionalcronologico202454587\/t-449-01\/\" class=\"_self pt-cv-readmore btn btn-success\" target=\"_self\">Ver Sentencia Completa...<\/a><\/div><\/div><\/div><\/div>\n<div class=\"col-md-12 col-sm-12 col-xs-12 pt-cv-content-item pt-cv-1-col\" ><div class='pt-cv-ifield'><a href=\"https:\/\/www.dmsjuridica.com\/buscador_20179478954\/corteconstitucionalcronologico202454587\/t-448-01\/\" class=\"_self pt-cv-href-thumbnail pt-cv-thumb-default\" target=\"_self\" ><\/a>\n<div class=\"pt-cv-taxoterm above_title\"><a href='https:\/\/www.dmsjuridica.com\/buscador_20179478954\/corteconstitucionalcronologico202454587\/category\/buscar-en-toda-la-corte\/2001\/tutelas-2001\/' title='Tutelas 2001' class='pt-cv-tax-tutelas-2001'>Tutelas 2001<\/a><\/div>\n<h4 class=\"pt-cv-title\"><a href=\"https:\/\/www.dmsjuridica.com\/buscador_20179478954\/corteconstitucionalcronologico202454587\/t-448-01\/\" class=\"_self\" target=\"_self\" >T-448-01<\/a><\/h4>\n<div class=\"pt-cv-content\">\u00a0 \u00a0 Sentencia T-448\/01 \u00a0 ACCION DE TUTELA-Hecho superado por atenci\u00f3n en salud de menor de edad afiliado al Fondo Nacional de Prestaciones Sociales del Magisterio \u00a0 Referencia: expediente T-383629 \u00a0 Acci\u00f3n de tutela instaurada por Julio C\u00e9sar Navarro Hern\u00e1ndez en contra del Fondo Nacional de Prestaciones del Magisterio - Departamento del Vichada \u00a0 Magistrado ponente:\u00a0 \u00a0 Dr. MANUEL JOS\u00c9 CEPEDA ESPINOSA \u00a0 Bogot\u00e1, D.C., mayo cuatro (4) de dos mil uno (2001) \u00a0 La Sala Tercera de Revisi\u00f3n de la Corte Constitucional, integrada por los Magistrados Manuel Jos\u00e9 Cepeda Espinosa, Jaime C\u00f3rdoba Trivi\u00f1o y Rodrigo Escobar Gil, en ejercicio ...<br \/><div class=\"pt-cv-rmwrap\"><a href=\"https:\/\/www.dmsjuridica.com\/buscador_20179478954\/corteconstitucionalcronologico202454587\/t-448-01\/\" class=\"_self pt-cv-readmore btn btn-success\" target=\"_self\">Ver Sentencia Completa...<\/a><\/div><\/div><\/div><\/div>\n<div class=\"col-md-12 col-sm-12 col-xs-12 pt-cv-content-item pt-cv-1-col\" ><div class='pt-cv-ifield'><a href=\"https:\/\/www.dmsjuridica.com\/buscador_20179478954\/corteconstitucionalcronologico202454587\/t-447-01\/\" class=\"_self pt-cv-href-thumbnail pt-cv-thumb-default\" target=\"_self\" ><\/a>\n<div class=\"pt-cv-taxoterm above_title\"><a href='https:\/\/www.dmsjuridica.com\/buscador_20179478954\/corteconstitucionalcronologico202454587\/category\/buscar-en-toda-la-corte\/2001\/tutelas-2001\/' title='Tutelas 2001' class='pt-cv-tax-tutelas-2001'>Tutelas 2001<\/a><\/div>\n<h4 class=\"pt-cv-title\"><a href=\"https:\/\/www.dmsjuridica.com\/buscador_20179478954\/corteconstitucionalcronologico202454587\/t-447-01\/\" class=\"_self\" target=\"_self\" >T-447-01<\/a><\/h4>\n<div class=\"pt-cv-content\">\u00a0 \u00a0 {p} \u00a0 Sentencia T-447\/01 \u00a0 ACCION DE TUTELA TRANSITORIA-Improcedencia incremento salarial para servidores p\u00fablicos \u00a0 Reiteraci\u00f3n de Jurisprudencia \u00a0 Referencia: expediente T-412594 y acumulados (T-412595, T-412596, T-412597, T-412598, T-412599, T-412600, T-412601, T-412602, T-412603, T-412604, T-413473, T-413594, T-413657, T-413659 y T-413660) \u00a0 Acci\u00f3n de tutela instaurada por Yanira Coronado Avenda\u00f1o y otros en contra de la Naci\u00f3n y otras instituciones. \u00a0 Magistrado Ponente:\u00a0 \u00a0 Dr. MANUEL JOS\u00c9 CEPEDA ESPINOSA \u00a0 Bogot\u00e1, D.C., mayo cuatro (4) de dos mil uno (2001) \u00a0 La Sala Tercera de Revisi\u00f3n de la Corte Constitucional, integrada por los magistrados, Manuel Jos\u00e9 Cepeda Espinosa, Jaime ...<br \/><div class=\"pt-cv-rmwrap\"><a href=\"https:\/\/www.dmsjuridica.com\/buscador_20179478954\/corteconstitucionalcronologico202454587\/t-447-01\/\" class=\"_self pt-cv-readmore btn btn-success\" target=\"_self\">Ver Sentencia Completa...<\/a><\/div><\/div><\/div><\/div>\n<div class=\"col-md-12 col-sm-12 col-xs-12 pt-cv-content-item pt-cv-1-col\" ><div class='pt-cv-ifield'><a href=\"https:\/\/www.dmsjuridica.com\/buscador_20179478954\/corteconstitucionalcronologico202454587\/t-446-01\/\" class=\"_self pt-cv-href-thumbnail pt-cv-thumb-default\" target=\"_self\" ><\/a>\n<div class=\"pt-cv-taxoterm above_title\"><a href='https:\/\/www.dmsjuridica.com\/buscador_20179478954\/corteconstitucionalcronologico202454587\/category\/buscar-en-toda-la-corte\/2001\/tutelas-2001\/' title='Tutelas 2001' class='pt-cv-tax-tutelas-2001'>Tutelas 2001<\/a><\/div>\n<h4 class=\"pt-cv-title\"><a href=\"https:\/\/www.dmsjuridica.com\/buscador_20179478954\/corteconstitucionalcronologico202454587\/t-446-01\/\" class=\"_self\" target=\"_self\" >T-446-01<\/a><\/h4>\n<div class=\"pt-cv-content\">\u00a0 \u00a0 Sentencia T-446\/01 \u00a0 CONCILIACION-Caracter\u00edsticas \u00a0 El acto de conciliaci\u00f3n realiza principios que encuentran asidero constitucional, como son los de econom\u00eda procesal, autonom\u00eda de la voluntad, la pronta y debida administraci\u00f3n de justicia, y la satisfacci\u00f3n de los fines del Estado Social de Derecho como el colombiano, que propugna por la convivencia pac\u00edfica entre sus coasociados y la vigencia de un orden justo.\u00a0 \u00a0 CONCILIACION-Efectos de cosa juzgada\u00a0 \u00a0 Los efectos de cosa juzgada de la conciliaci\u00f3n pueden verse enervados cuando el acuerdo de voluntades est\u00e1 afectado por un vicio del consentimiento que lo invalide, por lo que excepcionalmente ...<br \/><div class=\"pt-cv-rmwrap\"><a href=\"https:\/\/www.dmsjuridica.com\/buscador_20179478954\/corteconstitucionalcronologico202454587\/t-446-01\/\" class=\"_self pt-cv-readmore btn btn-success\" target=\"_self\">Ver Sentencia Completa...<\/a><\/div><\/div><\/div><\/div>\n<div class=\"col-md-12 col-sm-12 col-xs-12 pt-cv-content-item pt-cv-1-col\" ><div class='pt-cv-ifield'><a href=\"https:\/\/www.dmsjuridica.com\/buscador_20179478954\/corteconstitucionalcronologico202454587\/t-445-01\/\" class=\"_self pt-cv-href-thumbnail pt-cv-thumb-default\" target=\"_self\" ><\/a>\n<div class=\"pt-cv-taxoterm above_title\"><a href='https:\/\/www.dmsjuridica.com\/buscador_20179478954\/corteconstitucionalcronologico202454587\/category\/buscar-en-toda-la-corte\/2001\/tutelas-2001\/' title='Tutelas 2001' class='pt-cv-tax-tutelas-2001'>Tutelas 2001<\/a><\/div>\n<h4 class=\"pt-cv-title\"><a href=\"https:\/\/www.dmsjuridica.com\/buscador_20179478954\/corteconstitucionalcronologico202454587\/t-445-01\/\" class=\"_self\" target=\"_self\" >T-445-01<\/a><\/h4>\n<div class=\"pt-cv-content\">\u00a0 \u00a0 Sentencia T-445\/01 \u00a0 ACCION DE TUTELA TRANSITORIA-Improcedencia incremento salarial para servidores p\u00fablicos \u00a0 Reiteraci\u00f3n de Jurisprudencia \u00a0 Acci\u00f3n de tutela instaurada por Zulma Beatr\u00edz Acosta Barrios contra la Naci\u00f3n, Ministerio de Hacienda y Cr\u00e9dito P\u00fablico, Ministerio de Educaci\u00f3n y el Departamento Administrativo de la Funci\u00f3n P\u00fablica. \u00a0 Magistrado Ponente:\u00a0 \u00a0 Dr. JAIME ARAUJO RENTERIA \u00a0 Bogot\u00e1 D.C., \u00a0cuatro (4) de mayo del a\u00f1o dos mil uno (2001). \u00a0 La Sala Primera de Revisi\u00f3n de Tutelas de la Corte Constitucional, compuesta por los Magistrados JAIME ARAUJO RENTERIA, ALFREDO BELTRAN SIERRA y MANUEL JOSE CEPEDA ESPINOSA, en ejercicio de sus ...<br \/><div class=\"pt-cv-rmwrap\"><a href=\"https:\/\/www.dmsjuridica.com\/buscador_20179478954\/corteconstitucionalcronologico202454587\/t-445-01\/\" class=\"_self pt-cv-readmore btn btn-success\" target=\"_self\">Ver Sentencia Completa...<\/a><\/div><\/div><\/div><\/div>\n<div class=\"col-md-12 col-sm-12 col-xs-12 pt-cv-content-item pt-cv-1-col\" ><div class='pt-cv-ifield'><a href=\"https:\/\/www.dmsjuridica.com\/buscador_20179478954\/corteconstitucionalcronologico202454587\/t-444-01\/\" class=\"_self pt-cv-href-thumbnail pt-cv-thumb-default\" target=\"_self\" ><\/a>\n<div class=\"pt-cv-taxoterm above_title\"><a href='https:\/\/www.dmsjuridica.com\/buscador_20179478954\/corteconstitucionalcronologico202454587\/category\/buscar-en-toda-la-corte\/2001\/tutelas-2001\/' title='Tutelas 2001' class='pt-cv-tax-tutelas-2001'>Tutelas 2001<\/a><\/div>\n<h4 class=\"pt-cv-title\"><a href=\"https:\/\/www.dmsjuridica.com\/buscador_20179478954\/corteconstitucionalcronologico202454587\/t-444-01\/\" class=\"_self\" target=\"_self\" >T-444-01<\/a><\/h4>\n<div class=\"pt-cv-content\">\u00a0 \u00a0 Sentencia T-444\/01 \u00a0 ACCION DE TUTELA-Procedencia excepcional pago de mesadas pensionales \u00a0 DERECHO AL MINIMO VITAL DEL PENSIONADO-Presunci\u00f3n de afectaci\u00f3n por ausencia prolongada en pago de mesadas \u00a0 Reiteraci\u00f3n de Jurisprudencia \u00a0 Referencia: expedientes T-409080 y T-411200 \u00a0 Acciones de tutela instauradas por Olga Carmela Castro Lozano y Enrique Henry Wallace Carroll Ariza contra el Rector de la Universidad del Atl\u00e1ntico. \u00a0 Magistrado Ponente\u00a0:\u00a0 \u00a0 Dr. JAIME ARAUJO RENTER\u00cdA \u00a0 Bogot\u00e1 D.C., cuatro (4) de mayo de dos mil uno (2001). \u00a0 La Sala Primera de Revisi\u00f3n de Tutelas de la Corte Constitucional, compuesta por los Magistrados Jaime ...<br \/><div class=\"pt-cv-rmwrap\"><a href=\"https:\/\/www.dmsjuridica.com\/buscador_20179478954\/corteconstitucionalcronologico202454587\/t-444-01\/\" class=\"_self pt-cv-readmore btn btn-success\" target=\"_self\">Ver Sentencia Completa...<\/a><\/div><\/div><\/div><\/div>\n<div class=\"col-md-12 col-sm-12 col-xs-12 pt-cv-content-item pt-cv-1-col\" ><div class='pt-cv-ifield'><a href=\"https:\/\/www.dmsjuridica.com\/buscador_20179478954\/corteconstitucionalcronologico202454587\/t-443-01\/\" class=\"_self pt-cv-href-thumbnail pt-cv-thumb-default\" target=\"_self\" ><\/a>\n<div class=\"pt-cv-taxoterm above_title\"><a href='https:\/\/www.dmsjuridica.com\/buscador_20179478954\/corteconstitucionalcronologico202454587\/category\/buscar-en-toda-la-corte\/2001\/tutelas-2001\/' title='Tutelas 2001' class='pt-cv-tax-tutelas-2001'>Tutelas 2001<\/a><\/div>\n<h4 class=\"pt-cv-title\"><a href=\"https:\/\/www.dmsjuridica.com\/buscador_20179478954\/corteconstitucionalcronologico202454587\/t-443-01\/\" class=\"_self\" target=\"_self\" >T-443-01<\/a><\/h4>\n<div class=\"pt-cv-content\">\u00a0 \u00a0 Sentencia T-443\/01 \u00a0 PERJUICIO IRREMEDIABLE-Congelaci\u00f3n transitoria de recursos de instituci\u00f3n financiera que afecta derechos fundamentales de personas de la tercera edad \u00a0 DERECHO A LA SALUD DE PERSONA DE LA TERCERA EDAD-Reintegro suma de dinero depositada en entidad financiera intervenida \u00a0 ACCION DE TUTELA-Improcedencia por inexistencia de perjuicio irremediable \u00a0 Referencia: expediente T-404424 \u00a0 Acci\u00f3n de tutela instaurada por Luis Eduardo Astudillo Fiesco contra C\u00e9sar Humberto Garc\u00eda Jaramillo, Liquidador del Banco Andino Colombia \u00a0 Magistrado Ponente:\u00a0 \u00a0 Dr. JAIME ARAUJO RENTERIA \u00a0 Bogot\u00e1 D.C., cuatro (4) de mayo de dos mil uno (2001). \u00a0 La Sala Primera de ...<br \/><div class=\"pt-cv-rmwrap\"><a href=\"https:\/\/www.dmsjuridica.com\/buscador_20179478954\/corteconstitucionalcronologico202454587\/t-443-01\/\" class=\"_self pt-cv-readmore btn btn-success\" target=\"_self\">Ver Sentencia Completa...<\/a><\/div><\/div><\/div><\/div>\n<div class=\"col-md-12 col-sm-12 col-xs-12 pt-cv-content-item pt-cv-1-col\" ><div class='pt-cv-ifield'><a href=\"https:\/\/www.dmsjuridica.com\/buscador_20179478954\/corteconstitucionalcronologico202454587\/t-441-01\/\" class=\"_self pt-cv-href-thumbnail pt-cv-thumb-default\" target=\"_self\" ><\/a>\n<div class=\"pt-cv-taxoterm above_title\"><a href='https:\/\/www.dmsjuridica.com\/buscador_20179478954\/corteconstitucionalcronologico202454587\/category\/buscar-en-toda-la-corte\/2001\/tutelas-2001\/' title='Tutelas 2001' class='pt-cv-tax-tutelas-2001'>Tutelas 2001<\/a><\/div>\n<h4 class=\"pt-cv-title\"><a href=\"https:\/\/www.dmsjuridica.com\/buscador_20179478954\/corteconstitucionalcronologico202454587\/t-441-01\/\" class=\"_self\" target=\"_self\" >T-441-01<\/a><\/h4>\n<div class=\"pt-cv-content\">\u00a0 \u00a0 \u00a0 \u00a0 Sentencia T-441\/01 \u00a0 CONTRALOR MUNICIPAL-Car\u00e1cter objetivo de su periodo\/CARGO DE PERIODO-Criterios subjetivo y objetivo \u00a0 IGUALDAD DE PERIODO DE ALCALDE, GOBERNADOR Y CONTRALOR \u00a0 CONTRALOR DEPARTAMENTAL-Falta absoluta \u00a0 CONTRALOR Y ALCALDE-Elecci\u00f3n para un periodo igual \u00a0 CONTRALOR DEPARTAMENTAL-Reemplazo por terminaci\u00f3n del periodo \u00a0 Ante la falta absoluta de un Contralor Departamental ha de seguirse el mismo criterio aplicado para los Contralores Municipales; es decir, en estos eventos el nuevo funcionario desempe\u00f1ar\u00e1 el cargo solamente por el tiempo que le restaba a su antecesor para culminar el periodo. \u00a0 Referencia: expediente T-405953 \u00a0 Procedencia: Juzgado Promiscuo de ...<br \/><div class=\"pt-cv-rmwrap\"><a href=\"https:\/\/www.dmsjuridica.com\/buscador_20179478954\/corteconstitucionalcronologico202454587\/t-441-01\/\" class=\"_self pt-cv-readmore btn btn-success\" target=\"_self\">Ver Sentencia Completa...<\/a><\/div><\/div><\/div><\/div>\n<div class=\"col-md-12 col-sm-12 col-xs-12 pt-cv-content-item pt-cv-1-col\" ><div class='pt-cv-ifield'><a href=\"https:\/\/www.dmsjuridica.com\/buscador_20179478954\/corteconstitucionalcronologico202454587\/t-440-01\/\" class=\"_self pt-cv-href-thumbnail pt-cv-thumb-default\" target=\"_self\" ><\/a>\n<div class=\"pt-cv-taxoterm above_title\"><a href='https:\/\/www.dmsjuridica.com\/buscador_20179478954\/corteconstitucionalcronologico202454587\/category\/buscar-en-toda-la-corte\/2001\/tutelas-2001\/' title='Tutelas 2001' class='pt-cv-tax-tutelas-2001'>Tutelas 2001<\/a><\/div>\n<h4 class=\"pt-cv-title\"><a href=\"https:\/\/www.dmsjuridica.com\/buscador_20179478954\/corteconstitucionalcronologico202454587\/t-440-01\/\" class=\"_self\" target=\"_self\" >T-440-01<\/a><\/h4>\n<div class=\"pt-cv-content\">\u00a0 \u00a0 Sentencia T-440\/01 \u00a0 ACCION DE TUTELA-Procedencia excepcional pago de acreencias laborales\/DERECHO AL MINIMO VITAL DEL PENSIONADO-Pago oportuno de mesadas \u00a0 EMPLEADOR-Situaci\u00f3n econ\u00f3mica o presupuestal no es \u00f3bice para desconocer pago de mesadas pensionales \u00a0 Reiteraci\u00f3n de Jurisprudencia \u00a0 Referencia: expediente T-414724 \u00a0 Acci\u00f3n de tutela instaurada por Jos\u00e9 Wilson Moreno contra la Universidad del Valle. \u00a0 Magistrado Ponente: \u00a0 Dr. EDUARDO MONTEALEGRE LYNETT. \u00a0 Bogot\u00e1 D.C. a los veintis\u00e9is (26 ) d\u00edas del mes de abril de dos mil uno (2001). \u00a0 La Sala S\u00e9ptima de Revisi\u00f3n de Tutelas de la Corte Constitucional, en ejercicio de sus competencias ...<br \/><div class=\"pt-cv-rmwrap\"><a href=\"https:\/\/www.dmsjuridica.com\/buscador_20179478954\/corteconstitucionalcronologico202454587\/t-440-01\/\" class=\"_self pt-cv-readmore btn btn-success\" target=\"_self\">Ver Sentencia Completa...<\/a><\/div><\/div><\/div><\/div>\n<div class=\"col-md-12 col-sm-12 col-xs-12 pt-cv-content-item pt-cv-1-col\" ><div class='pt-cv-ifield'><a href=\"https:\/\/www.dmsjuridica.com\/buscador_20179478954\/corteconstitucionalcronologico202454587\/t-439-01\/\" class=\"_self pt-cv-href-thumbnail pt-cv-thumb-default\" target=\"_self\" ><\/a>\n<div class=\"pt-cv-taxoterm above_title\"><a href='https:\/\/www.dmsjuridica.com\/buscador_20179478954\/corteconstitucionalcronologico202454587\/category\/buscar-en-toda-la-corte\/2001\/tutelas-2001\/' title='Tutelas 2001' class='pt-cv-tax-tutelas-2001'>Tutelas 2001<\/a><\/div>\n<h4 class=\"pt-cv-title\"><a href=\"https:\/\/www.dmsjuridica.com\/buscador_20179478954\/corteconstitucionalcronologico202454587\/t-439-01\/\" class=\"_self\" target=\"_self\" >T-439-01<\/a><\/h4>\n<div class=\"pt-cv-content\">\u00a0 \u00a0 Sentencia T-439\/01 \u00a0 ACCION DE TUTELA-Naturaleza \u00a0 JUEZ CONSTITUCIONAL-Improcedencia para sustituir a las autoridades en las competencias asignadas por la Constituci\u00f3n Pol\u00edtica \u00a0 GOBIERNO NACIONAL-Formulaci\u00f3n anual del presupuesto y ley de apropiaciones\/JUEZ DE TUTELA-Imposibilidad de modificar presupuesto para incremento salarial de servidores p\u00fablicos \u00a0 ACCION DE TUTELA TRANSITORIA-Improcedencia incremento salarial para servidores p\u00fablicos \u00a0 Reiteraci\u00f3n de Jurisprudencia \u00a0 Referencia: expedientes T-406303, T-406304, \u00a0 \u00a0 \u00a0 \u00a0 \u00a0 \u00a0 \u00a0T-406305, T-406306, T-406307, T-406623, \u00a0 \u00a0 \u00a0 \u00a0 \u00a0 T-406825, T-407974, T-407976, T-407977, \u00a0 \u00a0 \u00a0 \u00a0 \u00a0 T-407979 y T-407980. \u00a0 ACCIONANTES: Josefina Cecilia Berm\u00fadez de Guette, Betty del ...<br \/><div class=\"pt-cv-rmwrap\"><a href=\"https:\/\/www.dmsjuridica.com\/buscador_20179478954\/corteconstitucionalcronologico202454587\/t-439-01\/\" class=\"_self pt-cv-readmore btn btn-success\" target=\"_self\">Ver Sentencia Completa...<\/a><\/div><\/div><\/div><\/div>\n<div class=\"col-md-12 col-sm-12 col-xs-12 pt-cv-content-item pt-cv-1-col\" ><div class='pt-cv-ifield'><a href=\"https:\/\/www.dmsjuridica.com\/buscador_20179478954\/corteconstitucionalcronologico202454587\/t-438-01\/\" class=\"_self pt-cv-href-thumbnail pt-cv-thumb-default\" target=\"_self\" ><\/a>\n<div class=\"pt-cv-taxoterm above_title\"><a href='https:\/\/www.dmsjuridica.com\/buscador_20179478954\/corteconstitucionalcronologico202454587\/category\/buscar-en-toda-la-corte\/2001\/tutelas-2001\/' title='Tutelas 2001' class='pt-cv-tax-tutelas-2001'>Tutelas 2001<\/a><\/div>\n<h4 class=\"pt-cv-title\"><a href=\"https:\/\/www.dmsjuridica.com\/buscador_20179478954\/corteconstitucionalcronologico202454587\/t-438-01\/\" class=\"_self\" target=\"_self\" >T-438-01<\/a><\/h4>\n<div class=\"pt-cv-content\">\u00a0 \u00a0 Sentencia T-438\/01 \u00a0 DERECHO AL PAGO OPORTUNO DEL SALARIO-Fundamental\/DERECHO AL MINIMO VITAL DEL TRABAJADOR-Pago oportuno de salarios \u00a0 PARTIDA PRESUPUESTAL-Ejecuci\u00f3n o apropiaci\u00f3n para pago de salarios \u00a0 Reiteraci\u00f3n de Jurisprudencia \u00a0 Referencia: expediente T-406517\u00a0 \u00a0 Acci\u00f3n de tutela instaurada por la se\u00f1ora Myriam Amparo Gonz\u00e1lez Valbuena contra \u00a0el \u00a0Hospital \u00a0Regional \u00a0del \u00a0L\u00edbano -Tolima- \u00a0 Magistrado Ponente: \u00a0 Dr. EDUARDO MONTEALEGRE LYNETT \u00a0 Bogot\u00e1, D.C., veintiseis \u00a0 \u00a0 \u00a0 \u00a0(26) de abril de dos mil uno (2001). \u00a0 La Sala S\u00e9ptima de Revisi\u00f3n de la Corte Constitucional, integrada por los magistrados Eduardo Montealegre Lynett, Alvaro Tafur Galvis y Clara ...<br \/><div class=\"pt-cv-rmwrap\"><a href=\"https:\/\/www.dmsjuridica.com\/buscador_20179478954\/corteconstitucionalcronologico202454587\/t-438-01\/\" class=\"_self pt-cv-readmore btn btn-success\" target=\"_self\">Ver Sentencia Completa...<\/a><\/div><\/div><\/div><\/div>\n<div class=\"col-md-12 col-sm-12 col-xs-12 pt-cv-content-item pt-cv-1-col\" ><div class='pt-cv-ifield'><a href=\"https:\/\/www.dmsjuridica.com\/buscador_20179478954\/corteconstitucionalcronologico202454587\/t-436-01\/\" class=\"_self pt-cv-href-thumbnail pt-cv-thumb-default\" target=\"_self\" ><\/a>\n<div class=\"pt-cv-taxoterm above_title\"><a href='https:\/\/www.dmsjuridica.com\/buscador_20179478954\/corteconstitucionalcronologico202454587\/category\/buscar-en-toda-la-corte\/2001\/tutelas-2001\/' title='Tutelas 2001' class='pt-cv-tax-tutelas-2001'>Tutelas 2001<\/a><\/div>\n<h4 class=\"pt-cv-title\"><a href=\"https:\/\/www.dmsjuridica.com\/buscador_20179478954\/corteconstitucionalcronologico202454587\/t-436-01\/\" class=\"_self\" target=\"_self\" >T-436-01<\/a><\/h4>\n<div class=\"pt-cv-content\">\u00a0 \u00a0 Sentencia T-436\/01 \u00a0 ACCION DE TUTELA-Improcedencia pago de salarios por inexistencia de perjuicio irremediable \u00a0 La Sala Novena de Revisi\u00f3n pretende destacar en este caso, atendiendo criterio jurisprudencial precedente sobre el tema, es que la particular condici\u00f3n en que se encuentra la peticionaria, en la cual se observa ausente un riesgo inminente para su subsistencia o la de su familia, hace improcedente la acci\u00f3n de tutela como mecanismo para lograr la protecci\u00f3n de los derechos que estima quebrantados y, por consiguiente, es forzoso admitir que para reclamar las sumas de dinero que le adeuda su empleadora, cuenta con ...<br \/><div class=\"pt-cv-rmwrap\"><a href=\"https:\/\/www.dmsjuridica.com\/buscador_20179478954\/corteconstitucionalcronologico202454587\/t-436-01\/\" class=\"_self pt-cv-readmore btn btn-success\" target=\"_self\">Ver Sentencia Completa...<\/a><\/div><\/div><\/div><\/div>\n<div class=\"col-md-12 col-sm-12 col-xs-12 pt-cv-content-item pt-cv-1-col\" ><div class='pt-cv-ifield'><a href=\"https:\/\/www.dmsjuridica.com\/buscador_20179478954\/corteconstitucionalcronologico202454587\/t-435-01\/\" class=\"_self pt-cv-href-thumbnail pt-cv-thumb-default\" target=\"_self\" ><\/a>\n<div class=\"pt-cv-taxoterm above_title\"><a href='https:\/\/www.dmsjuridica.com\/buscador_20179478954\/corteconstitucionalcronologico202454587\/category\/buscar-en-toda-la-corte\/2001\/tutelas-2001\/' title='Tutelas 2001' class='pt-cv-tax-tutelas-2001'>Tutelas 2001<\/a><\/div>\n<h4 class=\"pt-cv-title\"><a href=\"https:\/\/www.dmsjuridica.com\/buscador_20179478954\/corteconstitucionalcronologico202454587\/t-435-01\/\" class=\"_self\" target=\"_self\" >T-435-01<\/a><\/h4>\n<div class=\"pt-cv-content\">\u00a0 \u00a0 Sentencia T-435\/01 \u00a0 ACCION DE TUTELA-Procedencia excepcional pago de salarios \u00a0 Referencia: expedientes Acumulados T-407895 y T-408088. Acciones de tutela promovidas individualmente por Belinda Rinc\u00f3n Barros y Jos\u00e9 Victor Arteta Barrios contra la Alcald\u00eda, Secretar\u00eda de Hacienda y Concejo Distrital de Barranquilla.\u00a0 \u00a0 Magistrada Ponente: \u00a0 Dra. CLARA INES VARGAS HERNANDEZ \u00a0 Bogot\u00e1, \u00a0D. C., tres (3) de mayo de dos mil uno (2001) \u00a0 La Sala Novena de Revisi\u00f3n de la Corte Constitucional, integrada por los Magistrados CLARA INES VARGAS HERNANDEZ, JAIME ARAUJO RENTERIA y ALFREDO BELTRAN SIERRA, en ejercicio de sus competencias constitucionales y legales, concretamente ...<br \/><div class=\"pt-cv-rmwrap\"><a href=\"https:\/\/www.dmsjuridica.com\/buscador_20179478954\/corteconstitucionalcronologico202454587\/t-435-01\/\" class=\"_self pt-cv-readmore btn btn-success\" target=\"_self\">Ver Sentencia Completa...<\/a><\/div><\/div><\/div><\/div>\n<div class=\"col-md-12 col-sm-12 col-xs-12 pt-cv-content-item pt-cv-1-col\" ><div class='pt-cv-ifield'><a href=\"https:\/\/www.dmsjuridica.com\/buscador_20179478954\/corteconstitucionalcronologico202454587\/t-434-01\/\" class=\"_self pt-cv-href-thumbnail pt-cv-thumb-default\" target=\"_self\" ><\/a>\n<div class=\"pt-cv-taxoterm above_title\"><a href='https:\/\/www.dmsjuridica.com\/buscador_20179478954\/corteconstitucionalcronologico202454587\/category\/buscar-en-toda-la-corte\/2001\/tutelas-2001\/' title='Tutelas 2001' class='pt-cv-tax-tutelas-2001'>Tutelas 2001<\/a><\/div>\n<h4 class=\"pt-cv-title\"><a href=\"https:\/\/www.dmsjuridica.com\/buscador_20179478954\/corteconstitucionalcronologico202454587\/t-434-01\/\" class=\"_self\" target=\"_self\" >T-434-01<\/a><\/h4>\n<div class=\"pt-cv-content\">\u00a0 \u00a0 Sentencia T-434\/01\u00a0 \u00a0 INCAPACIDAD LABORAL-Por enfermedad general\/INCAPACIDAD LABORAL-No pago por existir discusi\u00f3n de tipo econ\u00f3mico entre empleador y Seguro Social\/ACCION DE TUTELA-Improcedencia por no existir perjuicio irremediable \u00a0 Tiene raz\u00f3n la demandante en cuanto al hecho de que a ella no le corresponde asumir las consecuencias negativas de una discusi\u00f3n legal que tienen la empresa en donde trabaja y la entidad de seguridad social en donde est\u00e1 afiliada. Sin embargo, para la Sala, esta sola circunstancia no convierte a la acci\u00f3n de tutela en el \u00fanico medio del que disponga la actora para resolver su situaci\u00f3n, pues, la ...<br \/><div class=\"pt-cv-rmwrap\"><a href=\"https:\/\/www.dmsjuridica.com\/buscador_20179478954\/corteconstitucionalcronologico202454587\/t-434-01\/\" class=\"_self pt-cv-readmore btn btn-success\" target=\"_self\">Ver Sentencia Completa...<\/a><\/div><\/div><\/div><\/div>\n<div class=\"col-md-12 col-sm-12 col-xs-12 pt-cv-content-item pt-cv-1-col\" ><div class='pt-cv-ifield'><a href=\"https:\/\/www.dmsjuridica.com\/buscador_20179478954\/corteconstitucionalcronologico202454587\/t-433-01\/\" class=\"_self pt-cv-href-thumbnail pt-cv-thumb-default\" target=\"_self\" ><\/a>\n<div class=\"pt-cv-taxoterm above_title\"><a href='https:\/\/www.dmsjuridica.com\/buscador_20179478954\/corteconstitucionalcronologico202454587\/category\/buscar-en-toda-la-corte\/2001\/tutelas-2001\/' title='Tutelas 2001' class='pt-cv-tax-tutelas-2001'>Tutelas 2001<\/a><\/div>\n<h4 class=\"pt-cv-title\"><a href=\"https:\/\/www.dmsjuridica.com\/buscador_20179478954\/corteconstitucionalcronologico202454587\/t-433-01\/\" class=\"_self\" target=\"_self\" >T-433-01<\/a><\/h4>\n<div class=\"pt-cv-content\">ACCION DE TUTELA-Procedencia excepcional pago de mesadas pensionales \u00a0 Referencia: expediente T-429.113\u00a0 \u00a0 Acci\u00f3n de tutela de Margoth Consuegra de Araujo contra Alcald\u00eda Municipal de Baranoa -Atl\u00e1ntico-.\u00a0 \u00a0 Procedencia: Juzgado Segundo Promiscuo Municipal de Baranoa -Atl\u00e1ntico-. \u00a0 Magistrado Ponente:\u00a0 \u00a0 Dr. ALFREDO BELTR\u00c1N SIERRA. \u00a0 Sentencia aprobada en Bogot\u00e1 D.C., el tres (3) de mayo del a\u00f1o dos mil uno (2001). \u00a0 La Sala Segunda de Revisi\u00f3n de la Corte Constitucional, integrada por los magistrados Alfredo Beltr\u00e1n Sierra, Manuel Jos\u00e9 Cepeda Espinosa y Jaime C\u00f3rdoba Trivi\u00f1o, en ejercicio de sus competencias constitucionales y legales, ha proferido la siguiente \u00a0 SENTENCIA ...<br \/><div class=\"pt-cv-rmwrap\"><a href=\"https:\/\/www.dmsjuridica.com\/buscador_20179478954\/corteconstitucionalcronologico202454587\/t-433-01\/\" class=\"_self pt-cv-readmore btn btn-success\" target=\"_self\">Ver Sentencia Completa...<\/a><\/div><\/div><\/div><\/div>\n<div class=\"col-md-12 col-sm-12 col-xs-12 pt-cv-content-item pt-cv-1-col\" ><div class='pt-cv-ifield'><a href=\"https:\/\/www.dmsjuridica.com\/buscador_20179478954\/corteconstitucionalcronologico202454587\/t-428-01\/\" class=\"_self pt-cv-href-thumbnail pt-cv-thumb-default\" target=\"_self\" ><\/a>\n<div class=\"pt-cv-taxoterm above_title\"><a href='https:\/\/www.dmsjuridica.com\/buscador_20179478954\/corteconstitucionalcronologico202454587\/category\/buscar-en-toda-la-corte\/2001\/tutelas-2001\/' title='Tutelas 2001' class='pt-cv-tax-tutelas-2001'>Tutelas 2001<\/a><\/div>\n<h4 class=\"pt-cv-title\"><a href=\"https:\/\/www.dmsjuridica.com\/buscador_20179478954\/corteconstitucionalcronologico202454587\/t-428-01\/\" class=\"_self\" target=\"_self\" >T-428-01<\/a><\/h4>\n<div class=\"pt-cv-content\">\u00a0 \u00a0 Sentencia T-428\/01 \u00a0 DERECHO AL MINIMO VITAL DEL TRABAJADOR-Demostraci\u00f3n sumaria de afectaci\u00f3n y uso de facultad oficiosa por el juez \u00a0 ACCION DE TUTELA-Procedencia excepcional pago de mesadas pensionales\/DERECHO AL MINIMO VITAL DEL PENSIONADO-Pago oportuno de mesadas\u00a0 \u00a0 EMPLEADOR-Situaci\u00f3n econ\u00f3mica o presupuestal no es \u00f3bice para desconocer pago de mesadas pensionales \u00a0 Referencia: expediente T- 433.387 \u00a0 Acci\u00f3n de tutela instaurada por \u00a0Adelina Alfonso de Torres, Jacinto Tibavizco Garz\u00f3n y Miguel Antonio Alfonso Gonz\u00e1lez Contra la Alcald\u00eda Municipal de Tibacuy, Departamento de Cundinamarca \u00a0 Procedencia: Juzgado 3 Civil del Circuito de Fusagasug\u00e1 - Cundinamarca \u00a0 Magistrado Ponente: \u00a0 ...<br \/><div class=\"pt-cv-rmwrap\"><a href=\"https:\/\/www.dmsjuridica.com\/buscador_20179478954\/corteconstitucionalcronologico202454587\/t-428-01\/\" class=\"_self pt-cv-readmore btn btn-success\" target=\"_self\">Ver Sentencia Completa...<\/a><\/div><\/div><\/div><\/div>\n<div class=\"col-md-12 col-sm-12 col-xs-12 pt-cv-content-item pt-cv-1-col\" ><div class='pt-cv-ifield'><a href=\"https:\/\/www.dmsjuridica.com\/buscador_20179478954\/corteconstitucionalcronologico202454587\/t-427-01\/\" class=\"_self pt-cv-href-thumbnail pt-cv-thumb-default\" target=\"_self\" ><\/a>\n<div class=\"pt-cv-taxoterm above_title\"><a href='https:\/\/www.dmsjuridica.com\/buscador_20179478954\/corteconstitucionalcronologico202454587\/category\/buscar-en-toda-la-corte\/2001\/tutelas-2001\/' title='Tutelas 2001' class='pt-cv-tax-tutelas-2001'>Tutelas 2001<\/a><\/div>\n<h4 class=\"pt-cv-title\"><a href=\"https:\/\/www.dmsjuridica.com\/buscador_20179478954\/corteconstitucionalcronologico202454587\/t-427-01\/\" class=\"_self\" target=\"_self\" >T-427-01<\/a><\/h4>\n<div class=\"pt-cv-content\">\u00a0 \u00a0 Sentencia T-427\/01 \u00a0 DERECHO A LA IGUALDAD-Trato diferente, razonable y objetivo \u00a0 ACCION DE TUTELA-Subsidiariedad \u00a0 ACCION DE TUTELA-Inexistencia de perjuicio irremediable \u00a0 MEDIO DE DEFENSA JUDICIAL-Pago de acreencias laborales \u00a0 Referencia: expedientes T-432664, y T-432665.\u00a0 \u00a0 Acciones de tutela de Jos\u00e9 Luis Dur\u00e1n Montenegro y Rosario Fern\u00e1ndez Granados en contra de las Empresas de Servicios P\u00fablicos del Municipio de Ci\u00e9naga, hoy Operadores de la Sierra ESP.\u00a0 \u00a0 Procedencia: \u00a0Juzgado 1 Penal del Circuito de Ci\u00e9naga, Magdalena.\u00a0 \u00a0 Magistrado \u00a0Ponente:\u00a0 \u00a0 Dr. ALFREDO BELTR\u00c1N SIERRA \u00a0 Sentencia aprobada en Bogot\u00e1, D.C., en sesi\u00f3n del 26 de \u00a0abril del ...<br \/><div class=\"pt-cv-rmwrap\"><a href=\"https:\/\/www.dmsjuridica.com\/buscador_20179478954\/corteconstitucionalcronologico202454587\/t-427-01\/\" class=\"_self pt-cv-readmore btn btn-success\" target=\"_self\">Ver Sentencia Completa...<\/a><\/div><\/div><\/div><\/div>\n<div class=\"col-md-12 col-sm-12 col-xs-12 pt-cv-content-item pt-cv-1-col\" ><div class='pt-cv-ifield'><a href=\"https:\/\/www.dmsjuridica.com\/buscador_20179478954\/corteconstitucionalcronologico202454587\/t-426-01\/\" class=\"_self pt-cv-href-thumbnail pt-cv-thumb-default\" target=\"_self\" ><\/a>\n<div class=\"pt-cv-taxoterm above_title\"><a href='https:\/\/www.dmsjuridica.com\/buscador_20179478954\/corteconstitucionalcronologico202454587\/category\/buscar-en-toda-la-corte\/2001\/tutelas-2001\/' title='Tutelas 2001' class='pt-cv-tax-tutelas-2001'>Tutelas 2001<\/a><\/div>\n<h4 class=\"pt-cv-title\"><a href=\"https:\/\/www.dmsjuridica.com\/buscador_20179478954\/corteconstitucionalcronologico202454587\/t-426-01\/\" class=\"_self\" target=\"_self\" >T-426-01<\/a><\/h4>\n<div class=\"pt-cv-content\">\u00a0 \u00a0 Sentencia T-426\/01 \u00a0 BONOS PENSIONALES-Procedencia de tutela para reclamar la remisi\u00f3n \u00a0 DERECHO A LA VIDA-Remisi\u00f3n oportuna del bono pensional \u00a0 DERECHO AL MINIMO VITAL-Alcance \u00a0 Referencia: expediente T-393667. Acci\u00f3n de tutela interpuesta por GUSTAVO ACOSTA PALACIO contra el INSTITUTO DE SEGURO SOCIAL. \u00a0 Magistrada Ponente: \u00a0 Dra. CLARA INES VARGAS HERNANDEZ. \u00a0 Bogot\u00e1, \u00a0D. C., veintis\u00e9is (26) de abril de dos mil uno (2001). \u00a0 La Sala Novena de Revisi\u00f3n de la Corte Constitucional, integrada por los Magistrados CLARA INES VARGAS HERNANDEZ, JAIME ARAUJO RENTERIA y ALFREDO BELTRAN SIERRA, en ejercicio de sus competencias constitucionales y legales, ...<br \/><div class=\"pt-cv-rmwrap\"><a href=\"https:\/\/www.dmsjuridica.com\/buscador_20179478954\/corteconstitucionalcronologico202454587\/t-426-01\/\" class=\"_self pt-cv-readmore btn btn-success\" target=\"_self\">Ver Sentencia Completa...<\/a><\/div><\/div><\/div><\/div>\n<div class=\"col-md-12 col-sm-12 col-xs-12 pt-cv-content-item pt-cv-1-col\" ><div class='pt-cv-ifield'><a href=\"https:\/\/www.dmsjuridica.com\/buscador_20179478954\/corteconstitucionalcronologico202454587\/t-425-01\/\" class=\"_self pt-cv-href-thumbnail pt-cv-thumb-default\" target=\"_self\" ><\/a>\n<div class=\"pt-cv-taxoterm above_title\"><a href='https:\/\/www.dmsjuridica.com\/buscador_20179478954\/corteconstitucionalcronologico202454587\/category\/buscar-en-toda-la-corte\/2001\/tutelas-2001\/' title='Tutelas 2001' class='pt-cv-tax-tutelas-2001'>Tutelas 2001<\/a><\/div>\n<h4 class=\"pt-cv-title\"><a href=\"https:\/\/www.dmsjuridica.com\/buscador_20179478954\/corteconstitucionalcronologico202454587\/t-425-01\/\" class=\"_self\" target=\"_self\" >T-425-01<\/a><\/h4>\n<div class=\"pt-cv-content\">\u00a0 \u00a0 Sentencia T-425\/01 \u00a0 SISTEMA DE CARRERA-M\u00e9rito como elemento esencial \u00a0 CONCURSO PUBLICO-Fundamental\/DERECHO AL TRABAJO-Nombramiento de quien obtuvo el primer puesto \u00a0 SISTEMA DE CARRERA-Objetividad \u00a0 SISTEMA DE CARRERA-Regla general de nombramiento a quien obtuvo el primer puesto \/SISTEMA DE CARRERA-S\u00f3lo razones objetivas s\u00f3lidas y expl\u00edcitas permiten \u00a0al nominador la no designaci\u00f3n de quien obtuvo el primer puesto \u00a0 IGUALDAD DE OPORTUNIDADES EN MATERIA DE CARRERA-Nombramiento de quien obtuvo el primer puesto \u00a0 MINISTERIO DE TRABAJO Y SEGURIDAD SOCIAL-No se utiliz\u00f3 lista de elegibles por no tratarse de cargos equivalentes \u00a0 Referencia: expediente T-332 937. Acci\u00f3n de tutela interpuesta ...<br \/><div class=\"pt-cv-rmwrap\"><a href=\"https:\/\/www.dmsjuridica.com\/buscador_20179478954\/corteconstitucionalcronologico202454587\/t-425-01\/\" class=\"_self pt-cv-readmore btn btn-success\" target=\"_self\">Ver Sentencia Completa...<\/a><\/div><\/div><\/div><\/div>\n<div class=\"col-md-12 col-sm-12 col-xs-12 pt-cv-content-item pt-cv-1-col\" ><div class='pt-cv-ifield'><a href=\"https:\/\/www.dmsjuridica.com\/buscador_20179478954\/corteconstitucionalcronologico202454587\/t-424-01\/\" class=\"_self pt-cv-href-thumbnail pt-cv-thumb-default\" target=\"_self\" ><\/a>\n<div class=\"pt-cv-taxoterm above_title\"><a href='https:\/\/www.dmsjuridica.com\/buscador_20179478954\/corteconstitucionalcronologico202454587\/category\/buscar-en-toda-la-corte\/2001\/tutelas-2001\/' title='Tutelas 2001' class='pt-cv-tax-tutelas-2001'>Tutelas 2001<\/a><\/div>\n<h4 class=\"pt-cv-title\"><a href=\"https:\/\/www.dmsjuridica.com\/buscador_20179478954\/corteconstitucionalcronologico202454587\/t-424-01\/\" class=\"_self\" target=\"_self\" >T-424-01<\/a><\/h4>\n<div class=\"pt-cv-content\">\u00a0 \u00a0 Sentencia T-424\/01 \u00a0 DERECHO AL MINIMO VITAL DEL TRABAJADOR-No afectaci\u00f3n por no pago de prima t\u00e9cnica\/MEDIO DE DEFENSA JUDICIAL-Cancelaci\u00f3n de prima t\u00e9cnica \u00a0 Referencia: expediente T-423453 \u00a0 Acci\u00f3n de tutela incoada por Amparo Casta\u00f1o de Pe\u00f1a contra el Gobernador y la Secretar\u00eda de Educaci\u00f3n y de la Juventud del Departamento del Tolima \u00a0 Magistrado Ponente: \u00a0 Bogot\u00e1, D.C., veintis\u00e9is (26) de abril de dos mil uno (2001). \u00a0 La Sala Cuarta de Revisi\u00f3n de la Corte Constitucional, en ejercicio de sus competencias constitucionales y legales, espec\u00edficamente las previstas en los art\u00edculos 86 y 241, numeral 9, de la ...<br \/><div class=\"pt-cv-rmwrap\"><a href=\"https:\/\/www.dmsjuridica.com\/buscador_20179478954\/corteconstitucionalcronologico202454587\/t-424-01\/\" class=\"_self pt-cv-readmore btn btn-success\" target=\"_self\">Ver Sentencia Completa...<\/a><\/div><\/div><\/div><\/div>\n<div class=\"col-md-12 col-sm-12 col-xs-12 pt-cv-content-item pt-cv-1-col\" ><div class='pt-cv-ifield'><a href=\"https:\/\/www.dmsjuridica.com\/buscador_20179478954\/corteconstitucionalcronologico202454587\/t-423-01\/\" class=\"_self pt-cv-href-thumbnail pt-cv-thumb-default\" target=\"_self\" ><\/a>\n<div class=\"pt-cv-taxoterm above_title\"><a href='https:\/\/www.dmsjuridica.com\/buscador_20179478954\/corteconstitucionalcronologico202454587\/category\/buscar-en-toda-la-corte\/2001\/tutelas-2001\/' title='Tutelas 2001' class='pt-cv-tax-tutelas-2001'>Tutelas 2001<\/a><\/div>\n<h4 class=\"pt-cv-title\"><a href=\"https:\/\/www.dmsjuridica.com\/buscador_20179478954\/corteconstitucionalcronologico202454587\/t-423-01\/\" class=\"_self\" target=\"_self\" >T-423-01<\/a><\/h4>\n<div class=\"pt-cv-content\">\u00a0 \u00a0 Sentencia T-423\/01 \u00a0 DERECHO A LA SALUD-Fundamental por conexidad con la vida \u00a0 DERECHO A LA SEGURIDAD SOCIAL DE PERSONA DE LA TERCERA EDAD-Fundamental \u00a0 DERECHO A LA SALUD-Dilaci\u00f3n injustificada en suministro de medicamentos y atenci\u00f3n m\u00e9dica\/ENTIDAD PROMOTORA DE SALUD-Atenci\u00f3n m\u00e9dica y suministro de medicamentos\/PERSONA DE LA TERCERA EDAD-Atenci\u00f3n m\u00e9dica y suministro de medicamentos \u00a0por enfermedad de Parkinson \u00a0 Reiteraci\u00f3n de Jurisprudencia \u00a0 Referencia: expediente T-384287 \u00a0 Acci\u00f3n de tutela incoada por Ana Stella Alvarez de Castro contra el Instituto de Seguros Sociales. \u00a0 Magistrado Ponente: \u00a0 Dr. JAIME C\u00d3RDOBA TRIVI\u00d1O \u00a0 Bogot\u00e1, D.C., veintis\u00e9is (26) de abril ...<br \/><div class=\"pt-cv-rmwrap\"><a href=\"https:\/\/www.dmsjuridica.com\/buscador_20179478954\/corteconstitucionalcronologico202454587\/t-423-01\/\" class=\"_self pt-cv-readmore btn btn-success\" target=\"_self\">Ver Sentencia Completa...<\/a><\/div><\/div><\/div><\/div>\n<div class=\"col-md-12 col-sm-12 col-xs-12 pt-cv-content-item pt-cv-1-col\" ><div class='pt-cv-ifield'><a href=\"https:\/\/www.dmsjuridica.com\/buscador_20179478954\/corteconstitucionalcronologico202454587\/t-422-01\/\" class=\"_self pt-cv-href-thumbnail pt-cv-thumb-default\" target=\"_self\" ><\/a>\n<div class=\"pt-cv-taxoterm above_title\"><a href='https:\/\/www.dmsjuridica.com\/buscador_20179478954\/corteconstitucionalcronologico202454587\/category\/buscar-en-toda-la-corte\/2001\/tutelas-2001\/' title='Tutelas 2001' class='pt-cv-tax-tutelas-2001'>Tutelas 2001<\/a><\/div>\n<h4 class=\"pt-cv-title\"><a href=\"https:\/\/www.dmsjuridica.com\/buscador_20179478954\/corteconstitucionalcronologico202454587\/t-422-01\/\" class=\"_self\" target=\"_self\" >T-422-01<\/a><\/h4>\n<div class=\"pt-cv-content\">\u00a0 \u00a0 Sentencia T-422\/01 \u00a0 ACCION DE TUTELA-Subsidiariedad \u00a0 ACCION DE TUTELA-Procedencia excepcional pago de acreencias laborales \u00a0 MEDIO DE DEFENSA JUDICIAL-Pago de acreencias laborales \u00a0 Reiteraci\u00f3n de jurisprudencia \u00a0 Referencia: expediente T-384419 \u00a0 Acci\u00f3n de tutela incoada por Juan Carlos Rojas Tovar contra la Junta Directiva de la \"Pasteurizadora El Holand\u00e9s S.A.\".\u00a0 \u00a0 Magistrado Ponente: \u00a0 Dr. JAIME C\u00d3RDOBA TRIVI\u00d1O \u00a0 Bogot\u00e1, D.C., veintis\u00e9is (26) de abril de dos mil uno (2001). \u00a0 La Sala Cuarta de Revisi\u00f3n de la Corte Constitucional, en ejercicio de sus competencias constitucionales y legales, espec\u00edficamente las previstas en los art\u00edculos 86 y 241, ...<br \/><div class=\"pt-cv-rmwrap\"><a href=\"https:\/\/www.dmsjuridica.com\/buscador_20179478954\/corteconstitucionalcronologico202454587\/t-422-01\/\" class=\"_self pt-cv-readmore btn btn-success\" target=\"_self\">Ver Sentencia Completa...<\/a><\/div><\/div><\/div><\/div>\n<div class=\"col-md-12 col-sm-12 col-xs-12 pt-cv-content-item pt-cv-1-col\" ><div class='pt-cv-ifield'><a href=\"https:\/\/www.dmsjuridica.com\/buscador_20179478954\/corteconstitucionalcronologico202454587\/t-421-01\/\" class=\"_self pt-cv-href-thumbnail pt-cv-thumb-default\" target=\"_self\" ><\/a>\n<div class=\"pt-cv-taxoterm above_title\"><a href='https:\/\/www.dmsjuridica.com\/buscador_20179478954\/corteconstitucionalcronologico202454587\/category\/buscar-en-toda-la-corte\/2001\/tutelas-2001\/' title='Tutelas 2001' class='pt-cv-tax-tutelas-2001'>Tutelas 2001<\/a><\/div>\n<h4 class=\"pt-cv-title\"><a href=\"https:\/\/www.dmsjuridica.com\/buscador_20179478954\/corteconstitucionalcronologico202454587\/t-421-01\/\" class=\"_self\" target=\"_self\" >T-421-01<\/a><\/h4>\n<div class=\"pt-cv-content\">\u00a0 \u00a0 Sentencia T-421\/01\u00a0 \u00a0 DERECHO A LA SALUD DEL NI\u00d1O-Fundamental \u00a0 SISTEMA DE SEGURIDAD SOCIAL EN SALUD-R\u00e9gimen contributivo y subsidiado \u00a0 INAPLICACION DE NORMAS DEL PLAN OBLIGATORIO DE SALUD-Casos en que procede por exclusi\u00f3n de tratamientos y medicamentos de alto costo \u00a0 SISTEMA DE SEGURIDAD SOCIAL EN SALUD-Obligaciones \u00a0 El Sistema tiene dos obligaciones de diversa fuente al frente de la prestaci\u00f3n de los servicios m\u00e9dicos de sus afiliados, de una parte, por intermedio de las administradoras, deber\u00e1 cumplir con los procedimientos y tratamientos previstos en el P.O.S, sin ning\u00fan condicionamiento, y de otra, cuando los cotizantes demuestren incapacidad ...<br \/><div class=\"pt-cv-rmwrap\"><a href=\"https:\/\/www.dmsjuridica.com\/buscador_20179478954\/corteconstitucionalcronologico202454587\/t-421-01\/\" class=\"_self pt-cv-readmore btn btn-success\" target=\"_self\">Ver Sentencia Completa...<\/a><\/div><\/div><\/div><\/div>\n<div class=\"col-md-12 col-sm-12 col-xs-12 pt-cv-content-item pt-cv-1-col\" ><div class='pt-cv-ifield'><a href=\"https:\/\/www.dmsjuridica.com\/buscador_20179478954\/corteconstitucionalcronologico202454587\/t-420-01\/\" class=\"_self pt-cv-href-thumbnail pt-cv-thumb-default\" target=\"_self\" ><\/a>\n<div class=\"pt-cv-taxoterm above_title\"><a href='https:\/\/www.dmsjuridica.com\/buscador_20179478954\/corteconstitucionalcronologico202454587\/category\/buscar-en-toda-la-corte\/2001\/tutelas-2001\/' title='Tutelas 2001' class='pt-cv-tax-tutelas-2001'>Tutelas 2001<\/a><\/div>\n<h4 class=\"pt-cv-title\"><a href=\"https:\/\/www.dmsjuridica.com\/buscador_20179478954\/corteconstitucionalcronologico202454587\/t-420-01\/\" class=\"_self\" target=\"_self\" >T-420-01<\/a><\/h4>\n<div class=\"pt-cv-content\">\u00a0 \u00a0 Sentencia T-420\/01 \u00a0 ACCION DE TUTELA-Naturaleza \u00a0 JUEZ CONSTITUCIONAL-Improcedencia para sustituir a las autoridades en las competencias asignadas por la Constituci\u00f3n Pol\u00edtica \u00a0 GOBIERNO NACIONAL-Formulaci\u00f3n anual del presupuesto y ley de apropiaciones\/JUEZ DE TUTELA-Imposibilidad de modificar presupuesto para incremento salarial de servidores p\u00fablicos \u00a0 ACCION DE TUTELA TRANSITORIA-Improcedencia incremento salarial para servidores p\u00fablicos \u00a0 Reiteraci\u00f3n de Jurisprudencia \u00a0 Acci\u00f3n de tutela instaurada por Ana de Dios Rojas Alzate contra la Naci\u00f3n- Ministerio de Hacienda y Cr\u00e9dito P\u00fablico, el Ministerio de Educaci\u00f3n Nacional y el Departamento Administrativo de la Funci\u00f3n P\u00fablica \u00a0 Magistrado Ponente:\u00a0 \u00a0 Dr. ALVARO TAFUR GALVIS ...<br \/><div class=\"pt-cv-rmwrap\"><a href=\"https:\/\/www.dmsjuridica.com\/buscador_20179478954\/corteconstitucionalcronologico202454587\/t-420-01\/\" class=\"_self pt-cv-readmore btn btn-success\" target=\"_self\">Ver Sentencia Completa...<\/a><\/div><\/div><\/div><\/div>\n<div class=\"col-md-12 col-sm-12 col-xs-12 pt-cv-content-item pt-cv-1-col\" ><div class='pt-cv-ifield'><a href=\"https:\/\/www.dmsjuridica.com\/buscador_20179478954\/corteconstitucionalcronologico202454587\/t-419-01\/\" class=\"_self pt-cv-href-thumbnail pt-cv-thumb-default\" target=\"_self\" ><\/a>\n<div class=\"pt-cv-taxoterm above_title\"><a href='https:\/\/www.dmsjuridica.com\/buscador_20179478954\/corteconstitucionalcronologico202454587\/category\/buscar-en-toda-la-corte\/2001\/tutelas-2001\/' title='Tutelas 2001' class='pt-cv-tax-tutelas-2001'>Tutelas 2001<\/a><\/div>\n<h4 class=\"pt-cv-title\"><a href=\"https:\/\/www.dmsjuridica.com\/buscador_20179478954\/corteconstitucionalcronologico202454587\/t-419-01\/\" class=\"_self\" target=\"_self\" >T-419-01<\/a><\/h4>\n<div class=\"pt-cv-content\">\u00a0 \u00a0 Sentencia T-419\/01\u00a0 \u00a0 AGENCIA OFICIOSA EN TUTELA-Legitimidad e inter\u00e9s \u00a0 AGENCIA OFICIOSA EN TUTELA-Enfermedad grave\/AGENCIA OFICIOSA EN TUTELA-C\u00f3nyuge en representaci\u00f3n de esposo enfermo \u00a0 ACCION DE TUTELA-Decreto de pruebas para determinar legitimaci\u00f3n por activa \u00a0 DERECHO A LA SALUD-Requisitos para la protecci\u00f3n por tutela \u00a0 DERECHO A LA SALUD-Dilaci\u00f3n injustificada en suministro de atenci\u00f3n m\u00e9dica \u00a0 Del expediente puede extraerse que la entidad accionada, as\u00ed haya brindado la atenci\u00f3n m\u00e9dica requerida por el afiliado, con posterioridad a la presentaci\u00f3n de la acci\u00f3n de tutela, sin lugar a dudas la dilat\u00f3 injustificadamente, sometiendo al afectado y a su familia ...<br \/><div class=\"pt-cv-rmwrap\"><a href=\"https:\/\/www.dmsjuridica.com\/buscador_20179478954\/corteconstitucionalcronologico202454587\/t-419-01\/\" class=\"_self pt-cv-readmore btn btn-success\" target=\"_self\">Ver Sentencia Completa...<\/a><\/div><\/div><\/div><\/div>\n<div class=\"col-md-12 col-sm-12 col-xs-12 pt-cv-content-item pt-cv-1-col\" ><div class='pt-cv-ifield'><a href=\"https:\/\/www.dmsjuridica.com\/buscador_20179478954\/corteconstitucionalcronologico202454587\/t-418-01\/\" class=\"_self pt-cv-href-thumbnail pt-cv-thumb-default\" target=\"_self\" ><\/a>\n<div class=\"pt-cv-taxoterm above_title\"><a href='https:\/\/www.dmsjuridica.com\/buscador_20179478954\/corteconstitucionalcronologico202454587\/category\/buscar-en-toda-la-corte\/2001\/tutelas-2001\/' title='Tutelas 2001' class='pt-cv-tax-tutelas-2001'>Tutelas 2001<\/a><\/div>\n<h4 class=\"pt-cv-title\"><a href=\"https:\/\/www.dmsjuridica.com\/buscador_20179478954\/corteconstitucionalcronologico202454587\/t-418-01\/\" class=\"_self\" target=\"_self\" >T-418-01<\/a><\/h4>\n<div class=\"pt-cv-content\">\u00a0 \u00a0 Sentencia T-418\/01 \u00a0 ACCION DE TUTELA-Procedencia excepcional pago de salarios \u00a0 DERECHO AL MINIMO VITAL DEL TRABAJADOR-Pago oportuno de salarios \u00a0 DERECHO AL MINIMO VITAL-Prueba de la amenaza \u00a0 DERECHO DE PETICION-Pronta resoluci\u00f3n\/DERECHO DE PETICION-No comprende sentido de la decisi\u00f3n\u00a0 \u00a0 DERECHO DE PETICION-Resoluci\u00f3n \u00a0 Referencia: expediente: T-404530 \u00a0 Actores: Argelith Montes Rodelo y otros \u00a0 Procedencia: Juzgado Segundo Promiscuo del Circuito de El Carmen de Bol\u00edvar. \u00a0 Magistrado Ponente:\u00a0 \u00a0 Dr. MARCO GERARDO MONROY CABRA \u00a0 Bogot\u00e1 D.C., veintis\u00e9is (26) de abril de dos mil uno (2001) \u00a0 La Sala Sexta de la Corte Constitucional, integrada por ...<br \/><div class=\"pt-cv-rmwrap\"><a href=\"https:\/\/www.dmsjuridica.com\/buscador_20179478954\/corteconstitucionalcronologico202454587\/t-418-01\/\" class=\"_self pt-cv-readmore btn btn-success\" target=\"_self\">Ver Sentencia Completa...<\/a><\/div><\/div><\/div><\/div>\n<div class=\"col-md-12 col-sm-12 col-xs-12 pt-cv-content-item pt-cv-1-col\" ><div class='pt-cv-ifield'><a href=\"https:\/\/www.dmsjuridica.com\/buscador_20179478954\/corteconstitucionalcronologico202454587\/t-417-01\/\" class=\"_self pt-cv-href-thumbnail pt-cv-thumb-default\" target=\"_self\" ><\/a>\n<div class=\"pt-cv-taxoterm above_title\"><a href='https:\/\/www.dmsjuridica.com\/buscador_20179478954\/corteconstitucionalcronologico202454587\/category\/buscar-en-toda-la-corte\/2001\/tutelas-2001\/' title='Tutelas 2001' class='pt-cv-tax-tutelas-2001'>Tutelas 2001<\/a><\/div>\n<h4 class=\"pt-cv-title\"><a href=\"https:\/\/www.dmsjuridica.com\/buscador_20179478954\/corteconstitucionalcronologico202454587\/t-417-01\/\" class=\"_self\" target=\"_self\" >T-417-01<\/a><\/h4>\n<div class=\"pt-cv-content\">\u00a0 \u00a0 Sentencia T-417\/01 \u00a0 TRABAJADOR DEPENDIENTE-Suspensi\u00f3n de afiliaci\u00f3n resulta desproporcionada debido al no pago de aportes \u00a0en salud por empleador \u00a0 PRINCIPIO DE CONTINUIDAD EN EL SERVICIO DE SALUD-Mora en el pago de aportes por empleador \u00a0 EMPLEADOR-Asunci\u00f3n de responsabilidad por mora en aportes en salud\/ENTIDAD PROMOTORA DE SALUD-Repetici\u00f3n contra el empleador o el FOSYGA \u00a0 Referencia: expediente T-409691 \u00a0 Peticionario: \u00a0Marco Emilio Garc\u00eda \u00a0 Procedencia: Juzgado Segundo Penal del \u00a0 Circuito de Duitama \u00a0 Magistrado Ponente: \u00a0 Dr. MARCO GERARDO MONROY CABRA \u00a0 Bogot\u00e1 D. C., veintiseis (26) de abril de dos mil uno (2001) \u00a0 La Sala ...<br \/><div class=\"pt-cv-rmwrap\"><a href=\"https:\/\/www.dmsjuridica.com\/buscador_20179478954\/corteconstitucionalcronologico202454587\/t-417-01\/\" class=\"_self pt-cv-readmore btn btn-success\" target=\"_self\">Ver Sentencia Completa...<\/a><\/div><\/div><\/div><\/div>\n<div class=\"col-md-12 col-sm-12 col-xs-12 pt-cv-content-item pt-cv-1-col\" ><div class='pt-cv-ifield'><a href=\"https:\/\/www.dmsjuridica.com\/buscador_20179478954\/corteconstitucionalcronologico202454587\/t-416-01\/\" class=\"_self pt-cv-href-thumbnail pt-cv-thumb-default\" target=\"_self\" ><\/a>\n<div class=\"pt-cv-taxoterm above_title\"><a href='https:\/\/www.dmsjuridica.com\/buscador_20179478954\/corteconstitucionalcronologico202454587\/category\/buscar-en-toda-la-corte\/2001\/tutelas-2001\/' title='Tutelas 2001' class='pt-cv-tax-tutelas-2001'>Tutelas 2001<\/a><\/div>\n<h4 class=\"pt-cv-title\"><a href=\"https:\/\/www.dmsjuridica.com\/buscador_20179478954\/corteconstitucionalcronologico202454587\/t-416-01\/\" class=\"_self\" target=\"_self\" >T-416-01<\/a><\/h4>\n<div class=\"pt-cv-content\">\u00a0 \u00a0 Sentencia T-416\/01 \u00a0 DERECHO A LA VIDA DIGNA-Recuperaci\u00f3n y mejoramiento de las condiciones de salud \u00a0 \"El derecho a la vida en s\u00ed mismo considerado, no es un concepto restrictivo que no se limita solamente a la idea reducida \u00a0de peligro de muerte, sino que es un concepto que se extiende a la posibilidad concreta de recuperaci\u00f3n y mejoramiento de las condiciones de salud, en la medida en que ello sea posible, cuando \u00e9stas condiciones se encuentran debilitadas o lesionadas y afecten la calidad de vida de las personas o las condiciones necesarias para garantizar a cada quien, ...<br \/><div class=\"pt-cv-rmwrap\"><a href=\"https:\/\/www.dmsjuridica.com\/buscador_20179478954\/corteconstitucionalcronologico202454587\/t-416-01\/\" class=\"_self pt-cv-readmore btn btn-success\" target=\"_self\">Ver Sentencia Completa...<\/a><\/div><\/div><\/div><\/div>\n<div class=\"col-md-12 col-sm-12 col-xs-12 pt-cv-content-item pt-cv-1-col\" ><div class='pt-cv-ifield'><a href=\"https:\/\/www.dmsjuridica.com\/buscador_20179478954\/corteconstitucionalcronologico202454587\/t-415-01\/\" class=\"_self pt-cv-href-thumbnail pt-cv-thumb-default\" target=\"_self\" ><\/a>\n<div class=\"pt-cv-taxoterm above_title\"><a href='https:\/\/www.dmsjuridica.com\/buscador_20179478954\/corteconstitucionalcronologico202454587\/category\/buscar-en-toda-la-corte\/2001\/tutelas-2001\/' title='Tutelas 2001' class='pt-cv-tax-tutelas-2001'>Tutelas 2001<\/a><\/div>\n<h4 class=\"pt-cv-title\"><a href=\"https:\/\/www.dmsjuridica.com\/buscador_20179478954\/corteconstitucionalcronologico202454587\/t-415-01\/\" class=\"_self\" target=\"_self\" >T-415-01<\/a><\/h4>\n<div class=\"pt-cv-content\">\u00a0 \u00a0 Sentencia T-415\/01 \u00a0 ACCION DE TUTELA-Procedencia excepcional pago de acreencias laborales \u00a0 DERECHO AL MINIMO VITAL DEL TRABAJADOR-No afectaci\u00f3n por no pago de prima t\u00e9cnica \u00a0 Referencia: expedientes T-399123, T-401433, T- 399595, T-401452, T-409526 y T-402216 \u00a0 Accionantes: Reina Luc\u00eda D\u00edaz L\u00f3pez y otros \u00a0 Magistrado Ponente: \u00a0 Dr. MARCO GERARDO MONROY CABRA \u00a0 \u00a0 \u00a0 \u00a0 \u00a0 Bogot\u00e1, D.C., veintis\u00e9is (26) de abril de dos mil uno (2001). \u00a0 La Sala Sexta de Revisi\u00f3n de la Corte Constitucional, integrada por los magistrados Eduardo Montealegre Lynett, Alvaro Tafur Galvis y Marco Gerardo Monroy Cabra, quien la preside, en ...<br \/><div class=\"pt-cv-rmwrap\"><a href=\"https:\/\/www.dmsjuridica.com\/buscador_20179478954\/corteconstitucionalcronologico202454587\/t-415-01\/\" class=\"_self pt-cv-readmore btn btn-success\" target=\"_self\">Ver Sentencia Completa...<\/a><\/div><\/div><\/div><\/div>\n<div class=\"col-md-12 col-sm-12 col-xs-12 pt-cv-content-item pt-cv-1-col\" ><div class='pt-cv-ifield'><a href=\"https:\/\/www.dmsjuridica.com\/buscador_20179478954\/corteconstitucionalcronologico202454587\/t-414-01\/\" class=\"_self pt-cv-href-thumbnail pt-cv-thumb-default\" target=\"_self\" ><\/a>\n<div class=\"pt-cv-taxoterm above_title\"><a href='https:\/\/www.dmsjuridica.com\/buscador_20179478954\/corteconstitucionalcronologico202454587\/category\/buscar-en-toda-la-corte\/2001\/tutelas-2001\/' title='Tutelas 2001' class='pt-cv-tax-tutelas-2001'>Tutelas 2001<\/a><\/div>\n<h4 class=\"pt-cv-title\"><a href=\"https:\/\/www.dmsjuridica.com\/buscador_20179478954\/corteconstitucionalcronologico202454587\/t-414-01\/\" class=\"_self\" target=\"_self\" >T-414-01<\/a><\/h4>\n<div class=\"pt-cv-content\">\u00a0 \u00a0 Sentencia T-414\/01 \u00a0 DERECHO A LA SALUD DEL NI\u00d1O-Fundamental\/DERECHO A LA SALUD DEL NI\u00d1O -Suministro de hormonas de crecimiento \u00a0 DERECHO A LA VIDA-Suministro de medicamentos excluidos del POS \u00a0 ACCION DE TUTELA-Improcedencia reembolso de dineros por asunci\u00f3n de costos m\u00e9dicos\/MEDIO DE DEFENSA JUDICIAL-Reembolso de dineros por asunci\u00f3n de costos m\u00e9dicos \u00a0 Reiteraci\u00f3n de Jurisprudencia \u00a0 Referencia: expediente T- 355946 \u00a0 Acci\u00f3n de tutela instaurada por Jos\u00e9 Benjam\u00edn Pardo D\u00edaz contra la E.P.S. Compensar. \u00a0 Magistrada Ponente: \u00a0 Dra. CLARA IN\u00c9S VARGAS HERN\u00c1NDEZ \u00a0 Bogot\u00e1, D.C. abril veintis\u00e9is (26) de dos mil uno (2001). \u00a0 La Sala Novena ...<br \/><div class=\"pt-cv-rmwrap\"><a href=\"https:\/\/www.dmsjuridica.com\/buscador_20179478954\/corteconstitucionalcronologico202454587\/t-414-01\/\" class=\"_self pt-cv-readmore btn btn-success\" target=\"_self\">Ver Sentencia Completa...<\/a><\/div><\/div><\/div><\/div>\n<div class=\"col-md-12 col-sm-12 col-xs-12 pt-cv-content-item pt-cv-1-col\" ><div class='pt-cv-ifield'><a href=\"https:\/\/www.dmsjuridica.com\/buscador_20179478954\/corteconstitucionalcronologico202454587\/t-407-01\/\" class=\"_self pt-cv-href-thumbnail pt-cv-thumb-default\" target=\"_self\" ><\/a>\n<div class=\"pt-cv-taxoterm above_title\"><a href='https:\/\/www.dmsjuridica.com\/buscador_20179478954\/corteconstitucionalcronologico202454587\/category\/buscar-en-toda-la-corte\/2001\/tutelas-2001\/' title='Tutelas 2001' class='pt-cv-tax-tutelas-2001'>Tutelas 2001<\/a><\/div>\n<h4 class=\"pt-cv-title\"><a href=\"https:\/\/www.dmsjuridica.com\/buscador_20179478954\/corteconstitucionalcronologico202454587\/t-407-01\/\" class=\"_self\" target=\"_self\" >T-407-01<\/a><\/h4>\n<div class=\"pt-cv-content\">\u00a0 \u00a0 Sentencia T-407\/01 \u00a0 ACCION DE TUTELA CONTRA PROVIDENCIAS JUDICIALES-Procedencia excepcional \u00a0 JUEZ DE TUTELA-Examen concreto de los cargos y actuaciones judiciales \u00a0 ACCION DE TUTELA-Improcedencia general por no ejercicio oportuno de recursos \u00a0 VIA DE HECHO POR CONSECUENCIA-Alcance \u00a0 VIA DE HECHO POR CONSECUENCIA-Improcedencia para el caso \u00a0 El an\u00e1lisis detenido de los distintos elementos del caso concreto muestra a la Corte que para la decisi\u00f3n del mismo no tiene cabida la figura jurisprudencial de la v\u00eda de hecho por consecuencia, en la medida en que la actora s\u00ed tuvo la oportunidad de controvertir los Decretos de la ...<br \/><div class=\"pt-cv-rmwrap\"><a href=\"https:\/\/www.dmsjuridica.com\/buscador_20179478954\/corteconstitucionalcronologico202454587\/t-407-01\/\" class=\"_self pt-cv-readmore btn btn-success\" target=\"_self\">Ver Sentencia Completa...<\/a><\/div><\/div><\/div><\/div>\n<div class=\"col-md-12 col-sm-12 col-xs-12 pt-cv-content-item pt-cv-1-col\" ><div class='pt-cv-ifield'><a href=\"https:\/\/www.dmsjuridica.com\/buscador_20179478954\/corteconstitucionalcronologico202454587\/t-406-01\/\" class=\"_self pt-cv-href-thumbnail pt-cv-thumb-default\" target=\"_self\" ><\/a>\n<div class=\"pt-cv-taxoterm above_title\"><a href='https:\/\/www.dmsjuridica.com\/buscador_20179478954\/corteconstitucionalcronologico202454587\/category\/buscar-en-toda-la-corte\/2001\/tutelas-2001\/' title='Tutelas 2001' class='pt-cv-tax-tutelas-2001'>Tutelas 2001<\/a><\/div>\n<h4 class=\"pt-cv-title\"><a href=\"https:\/\/www.dmsjuridica.com\/buscador_20179478954\/corteconstitucionalcronologico202454587\/t-406-01\/\" class=\"_self\" target=\"_self\" >T-406-01<\/a><\/h4>\n<div class=\"pt-cv-content\">\u00a0 \u00a0 Sentencia T-406\/01 \u00a0 DERECHO A LA SALUD-Fundamental por conexidad con la vida \u00a0 INAPLICACION DE NORMAS DEL PLAN OBLIGATORIO DE SALUD-Exclusi\u00f3n de tratamientos y medicamentos \u00a0 DERECHO A LA SALUD-Contenido prestacional\/ACCION DE TUTELA-Improcedencia por tratarse de derecho meramente prestacional \u00a0 Reiteraci\u00f3n de Jurisprudencia \u00a0 \u00a0 \u00a0 \u00a0 \u00a0 \u00a0 \u00a0 \u00a0 \u00a0 \u00a0 \u00a0 \u00a0 \u00a0 \u00a0 \u00a0 \u00a0 \u00a0 \u00a0 \u00a0 \u00a0 \u00a0 \u00a0 \u00a0 \u00a0 \u00a0 \u00a0 \u00a0 \u00a0 \u00a0 \u00a0 \u00a0 \u00a0 \u00a0 \u00a0 \u00a0 \u00a0 \u00a0 \u00a0 \u00a0 \u00a0 \u00a0 \u00a0 \u00a0 \u00a0 \u00a0 \u00a0 \u00a0 \u00a0 \u00a0 \u00a0 \u00a0 \u00a0 \u00a0 \u00a0Referencia: expediente ...<br \/><div class=\"pt-cv-rmwrap\"><a href=\"https:\/\/www.dmsjuridica.com\/buscador_20179478954\/corteconstitucionalcronologico202454587\/t-406-01\/\" class=\"_self pt-cv-readmore btn btn-success\" target=\"_self\">Ver Sentencia Completa...<\/a><\/div><\/div><\/div><\/div>\n<div class=\"col-md-12 col-sm-12 col-xs-12 pt-cv-content-item pt-cv-1-col\" ><div class='pt-cv-ifield'><a href=\"https:\/\/www.dmsjuridica.com\/buscador_20179478954\/corteconstitucionalcronologico202454587\/t-405-01\/\" class=\"_self pt-cv-href-thumbnail pt-cv-thumb-default\" target=\"_self\" ><\/a>\n<div class=\"pt-cv-taxoterm above_title\"><a href='https:\/\/www.dmsjuridica.com\/buscador_20179478954\/corteconstitucionalcronologico202454587\/category\/buscar-en-toda-la-corte\/2001\/tutelas-2001\/' title='Tutelas 2001' class='pt-cv-tax-tutelas-2001'>Tutelas 2001<\/a><\/div>\n<h4 class=\"pt-cv-title\"><a href=\"https:\/\/www.dmsjuridica.com\/buscador_20179478954\/corteconstitucionalcronologico202454587\/t-405-01\/\" class=\"_self\" target=\"_self\" >T-405-01<\/a><\/h4>\n<div class=\"pt-cv-content\">\u00a0 \u00a0 Sentencia T-405\/01 \u00a0 ACCION DE TUTELA-Procedencia excepcional pago de mesadas pensionales\/DERECHO AL MINIMO VITAL DEL PENSIONADO-Pago oportuno de mesadas \u00a0 Referencia: expedientes acumulados T- 407061 y T - 407896 \u00a0 Acciones de tutela instauradas por Santader Zarache Zambrano y Hersilia Pedroza M\u00e1rquez \u00a0contra la Alcald\u00eda Distrital de Barranquilla, Secretar\u00eda de Hacienda y el Fondo Territorial de Pensiones. \u00a0 Magistrado Ponente: \u00a0 Dr. JAIME ARAUJO RENTERIA \u00a0 Bogot\u00e1 D.C., veinte (20) de abril de dos mil uno (2001). \u00a0 La Sala Primera de Revisi\u00f3n de la Corte Constitucional, en ejercicio de sus competencias constitucionales y legales, espec\u00edficamente las previstas ...<br \/><div class=\"pt-cv-rmwrap\"><a href=\"https:\/\/www.dmsjuridica.com\/buscador_20179478954\/corteconstitucionalcronologico202454587\/t-405-01\/\" class=\"_self pt-cv-readmore btn btn-success\" target=\"_self\">Ver Sentencia Completa...<\/a><\/div><\/div><\/div><\/div>\n<div class=\"col-md-12 col-sm-12 col-xs-12 pt-cv-content-item pt-cv-1-col\" ><div class='pt-cv-ifield'><a href=\"https:\/\/www.dmsjuridica.com\/buscador_20179478954\/corteconstitucionalcronologico202454587\/t-400-01\/\" class=\"_self pt-cv-href-thumbnail pt-cv-thumb-default\" target=\"_self\" ><\/a>\n<div class=\"pt-cv-taxoterm above_title\"><a href='https:\/\/www.dmsjuridica.com\/buscador_20179478954\/corteconstitucionalcronologico202454587\/category\/buscar-en-toda-la-corte\/2001\/tutelas-2001\/' title='Tutelas 2001' class='pt-cv-tax-tutelas-2001'>Tutelas 2001<\/a><\/div>\n<h4 class=\"pt-cv-title\"><a href=\"https:\/\/www.dmsjuridica.com\/buscador_20179478954\/corteconstitucionalcronologico202454587\/t-400-01\/\" class=\"_self\" target=\"_self\" >T-400-01<\/a><\/h4>\n<div class=\"pt-cv-content\">\u00a0 \u00a0 Sentencia T-400\/01 \u00a0 ACCION DE TUTELA-Procedencia excepcional pago de mesadas pensionales\/DERECHO AL MINIMO VITAL DEL PENSIONADO-Pago oportuno de mesadas \u00a0 DERECHO AL MINIMO VITAL DEL PENSIONADO-Presunci\u00f3n de afectaci\u00f3n por ausencia prolongada en pago de mesadas \u00a0 Referencia: expediente T- 426.972 \u00a0 Acci\u00f3n de tutela instaurada por \u00a0Ana Josefa Paredes Vda. de Moncada. Contra el Municipio de Pamplona, Departamento Norte de Santander \u00a0 Procedencia: Corte Suprema Sala de Casaci\u00f3n Laboral \u00a0 Magistrado Ponente: \u00a0 Dr. ALFREDO BELTR\u00c1N SIERRA \u00a0 Sentencia aprobada en Bogot\u00e1 D.C., a los dieciocho (18) d\u00edas del mes de abril de dos mil uno (2001). \u00a0 ...<br \/><div class=\"pt-cv-rmwrap\"><a href=\"https:\/\/www.dmsjuridica.com\/buscador_20179478954\/corteconstitucionalcronologico202454587\/t-400-01\/\" class=\"_self pt-cv-readmore btn btn-success\" target=\"_self\">Ver Sentencia Completa...<\/a><\/div><\/div><\/div><\/div>\n<div class=\"col-md-12 col-sm-12 col-xs-12 pt-cv-content-item pt-cv-1-col\" ><div class='pt-cv-ifield'><a href=\"https:\/\/www.dmsjuridica.com\/buscador_20179478954\/corteconstitucionalcronologico202454587\/t-399-01\/\" class=\"_self pt-cv-href-thumbnail pt-cv-thumb-default\" target=\"_self\" ><\/a>\n<div class=\"pt-cv-taxoterm above_title\"><a href='https:\/\/www.dmsjuridica.com\/buscador_20179478954\/corteconstitucionalcronologico202454587\/category\/buscar-en-toda-la-corte\/2001\/tutelas-2001\/' title='Tutelas 2001' class='pt-cv-tax-tutelas-2001'>Tutelas 2001<\/a><\/div>\n<h4 class=\"pt-cv-title\"><a href=\"https:\/\/www.dmsjuridica.com\/buscador_20179478954\/corteconstitucionalcronologico202454587\/t-399-01\/\" class=\"_self\" target=\"_self\" >T-399-01<\/a><\/h4>\n<div class=\"pt-cv-content\">\u00a0 \u00a0 Sentencia T-399\/01 \u00a0 DERECHO AL PAGO OPORTUNO DEL SALARIO-Fundamental \u00a0 ACCION DE TUTELA-Procedencia excepcional pago de salarios \u00a0 DERECHO AL MINIMO VITAL DEL TRABAJADOR-Pago oportuno de salarios \u00a0 Referencia: expediente T-424.979. \u00a0 Acci\u00f3n \u00a0de tutela de Martha Cecilia Garc\u00eda Posso, contra el municipio de Candelaria -Valle del Cauca. \u00a0 Procedencia: Consejo de Estado, Sala de lo Contencioso Administrativo, -Secci\u00f3n Primera-. \u00a0 Magistrado Ponente:\u00a0 \u00a0 Dr. ALFREDO BELTR\u00c1N SIERRA. \u00a0 Sentencia aprobada en Bogot\u00e1 D.C; en sesi\u00f3n del dieciocho (18) de abril de dos mil uno (2001). \u00a0 La Sala Segunda (2a.) de Revisi\u00f3n de la Corte Constitucional, integrada ...<br \/><div class=\"pt-cv-rmwrap\"><a href=\"https:\/\/www.dmsjuridica.com\/buscador_20179478954\/corteconstitucionalcronologico202454587\/t-399-01\/\" class=\"_self pt-cv-readmore btn btn-success\" target=\"_self\">Ver Sentencia Completa...<\/a><\/div><\/div><\/div><\/div>\n<div class=\"col-md-12 col-sm-12 col-xs-12 pt-cv-content-item pt-cv-1-col\" ><div class='pt-cv-ifield'><a href=\"https:\/\/www.dmsjuridica.com\/buscador_20179478954\/corteconstitucionalcronologico202454587\/t-398-01\/\" class=\"_self pt-cv-href-thumbnail pt-cv-thumb-default\" target=\"_self\" ><\/a>\n<div class=\"pt-cv-taxoterm above_title\"><a href='https:\/\/www.dmsjuridica.com\/buscador_20179478954\/corteconstitucionalcronologico202454587\/category\/buscar-en-toda-la-corte\/2001\/tutelas-2001\/' title='Tutelas 2001' class='pt-cv-tax-tutelas-2001'>Tutelas 2001<\/a><\/div>\n<h4 class=\"pt-cv-title\"><a href=\"https:\/\/www.dmsjuridica.com\/buscador_20179478954\/corteconstitucionalcronologico202454587\/t-398-01\/\" class=\"_self\" target=\"_self\" >T-398-01<\/a><\/h4>\n<div class=\"pt-cv-content\">\u00a0 \u00a0 Sentencia T-398\/01 \u00a0 MEDIO DE DEFENSA JUDICIAL-Solicitud reconocimiento de sustituci\u00f3n pensional \u00a0 PERJUICIO IRREMEDIABLE-Inexistencia \u00a0 PERJUICIO IRREMEDIABLE-Elementos \u00a0 ACCION DE TUTELA-T\u00e9rmino de presentaci\u00f3n \u00a0 Reiteraci\u00f3n de Jurisprudencia \u00a0 Referencia: expediente T-400374 \u00a0 Acci\u00f3n de tutela instaurada por Mar\u00eda Semiramis Monta\u00f1\u00e9s de Garc\u00eda contra la Caja Nacional de Previsi\u00f3n Social. \u00a0 \u00a0 \u00a0 Magistrado Ponente:\u00a0 \u00a0 Dr. ALVARO TAFUR GALVIS \u00a0 Bogot\u00e1, D.C., a los diecisiete (17) d\u00edas del mes de abril de dos mil uno (2001). \u00a0 La Sala Octava de Revisi\u00f3n de la Corte Constitucional, en ejercicio de sus competencias constitucionales y legales, espec\u00edficamente las previstas en ...<br \/><div class=\"pt-cv-rmwrap\"><a href=\"https:\/\/www.dmsjuridica.com\/buscador_20179478954\/corteconstitucionalcronologico202454587\/t-398-01\/\" class=\"_self pt-cv-readmore btn btn-success\" target=\"_self\">Ver Sentencia Completa...<\/a><\/div><\/div><\/div><\/div>\n<div class=\"col-md-12 col-sm-12 col-xs-12 pt-cv-content-item pt-cv-1-col\" ><div class='pt-cv-ifield'><a href=\"https:\/\/www.dmsjuridica.com\/buscador_20179478954\/corteconstitucionalcronologico202454587\/t-397-01\/\" class=\"_self pt-cv-href-thumbnail pt-cv-thumb-default\" target=\"_self\" ><\/a>\n<div class=\"pt-cv-taxoterm above_title\"><a href='https:\/\/www.dmsjuridica.com\/buscador_20179478954\/corteconstitucionalcronologico202454587\/category\/buscar-en-toda-la-corte\/2001\/tutelas-2001\/' title='Tutelas 2001' class='pt-cv-tax-tutelas-2001'>Tutelas 2001<\/a><\/div>\n<h4 class=\"pt-cv-title\"><a href=\"https:\/\/www.dmsjuridica.com\/buscador_20179478954\/corteconstitucionalcronologico202454587\/t-397-01\/\" class=\"_self\" target=\"_self\" >T-397-01<\/a><\/h4>\n<div class=\"pt-cv-content\">\u00a0 \u00a0 Sentencia T-397\/01 \u00a0 ACCION DE TUTELA-Procedencia excepcional pago de acreencias laborales \u00a0 EMPLEADOR-Situaci\u00f3n econ\u00f3mica o presupuestal no es \u00f3bice para desconocer pago de mesadas pensionales \u00a0 PROCESO CONCORDATARIO O LIQUIDATORIO-Pago preferente de obligaciones laborales \u00a0 EMPLEADOR-Asunci\u00f3n de responsabilidad por mora en aportes en salud \u00a0 SISTEMA DE SEGURIDAD SOCIAL EN SALUD-Mora en el pago de aportes por empleador da lugar a la suspensi\u00f3n de servicios por EPS \u00a0 Reiteraci\u00f3n de Jurisprudencia \u00a0 Referencia: expediente T-399494 \u00a0 Acci\u00f3n de tutela instaurada por Andr\u00e9s P\u00e9rez D\u00edaz contra la Compa\u00f1\u00eda de Inversiones de la Flota Mercante S.A.- en liquidaci\u00f3n. \u00a0 Magistrado ...<br \/><div class=\"pt-cv-rmwrap\"><a href=\"https:\/\/www.dmsjuridica.com\/buscador_20179478954\/corteconstitucionalcronologico202454587\/t-397-01\/\" class=\"_self pt-cv-readmore btn btn-success\" target=\"_self\">Ver Sentencia Completa...<\/a><\/div><\/div><\/div><\/div>\n<div class=\"col-md-12 col-sm-12 col-xs-12 pt-cv-content-item pt-cv-1-col\" ><div class='pt-cv-ifield'><a href=\"https:\/\/www.dmsjuridica.com\/buscador_20179478954\/corteconstitucionalcronologico202454587\/t-396-01\/\" class=\"_self pt-cv-href-thumbnail pt-cv-thumb-default\" target=\"_self\" ><\/a>\n<div class=\"pt-cv-taxoterm above_title\"><a href='https:\/\/www.dmsjuridica.com\/buscador_20179478954\/corteconstitucionalcronologico202454587\/category\/buscar-en-toda-la-corte\/2001\/tutelas-2001\/' title='Tutelas 2001' class='pt-cv-tax-tutelas-2001'>Tutelas 2001<\/a><\/div>\n<h4 class=\"pt-cv-title\"><a href=\"https:\/\/www.dmsjuridica.com\/buscador_20179478954\/corteconstitucionalcronologico202454587\/t-396-01\/\" class=\"_self\" target=\"_self\" >T-396-01<\/a><\/h4>\n<div class=\"pt-cv-content\">\u00a0 \u00a0 Sentencia T-396\/01 \u00a0 DERECHO DE PETICION-No constituye respuesta informaci\u00f3n suministrada al juez de tutela \u00a0 Reiteraci\u00f3n de Jurisprudencia \u00a0 Referencia: expediente T-400415 \u00a0 Acci\u00f3n de tutela instaurada por Jos\u00e9 Uladislao Gonz\u00e1lez Zapata contra la Alcaldesa Municipal de Taraz\u00e1 -Antioquia-. \u00a0 \u00a0 \u00a0 Magistrado Ponente:\u00a0 \u00a0 Dr. ALVARO TAFUR GALVIS \u00a0 Bogot\u00e1, D.C., a los diecisiete (17) d\u00edas del mes de abril de dos mil uno (2001). \u00a0 La Sala Octava de Revisi\u00f3n de la Corte Constitucional, en ejercicio de sus competencias constitucionales y legales, espec\u00edficamente las previstas en los art\u00edculos 86 y 241, numeral 9, de la Constituci\u00f3n ...<br \/><div class=\"pt-cv-rmwrap\"><a href=\"https:\/\/www.dmsjuridica.com\/buscador_20179478954\/corteconstitucionalcronologico202454587\/t-396-01\/\" class=\"_self pt-cv-readmore btn btn-success\" target=\"_self\">Ver Sentencia Completa...<\/a><\/div><\/div><\/div><\/div>\n<div class=\"col-md-12 col-sm-12 col-xs-12 pt-cv-content-item pt-cv-1-col\" ><div class='pt-cv-ifield'><a href=\"https:\/\/www.dmsjuridica.com\/buscador_20179478954\/corteconstitucionalcronologico202454587\/t-395-01\/\" class=\"_self pt-cv-href-thumbnail pt-cv-thumb-default\" target=\"_self\" ><\/a>\n<div class=\"pt-cv-taxoterm above_title\"><a href='https:\/\/www.dmsjuridica.com\/buscador_20179478954\/corteconstitucionalcronologico202454587\/category\/buscar-en-toda-la-corte\/2001\/tutelas-2001\/' title='Tutelas 2001' class='pt-cv-tax-tutelas-2001'>Tutelas 2001<\/a><\/div>\n<h4 class=\"pt-cv-title\"><a href=\"https:\/\/www.dmsjuridica.com\/buscador_20179478954\/corteconstitucionalcronologico202454587\/t-395-01\/\" class=\"_self\" target=\"_self\" >T-395-01<\/a><\/h4>\n<div class=\"pt-cv-content\">\u00a0 \u00a0 Sentencia T-395\/01 \u00a0 DERECHO AL CUMPLIMIENTO DE SENTENCIAS \u00a0 ACCION DE TUTELA PARA EL CUMPLIMIENTO DE SENTENCIAS-Alcance \u00a0 OBLIGACION DE HACER-Cumplimiento\/PROCESO EJECUTIVO-Improcedencia \u00a0 OBLIGACION DE HACER-Reintegro al cargo\/PROCESO EJECUTIVO-Ineficacia para reintegro al cargo\/ACCION DE TUTELA-Reintegro al cargo \u00a0 Cuando se trata de obtener el reintegro de un trabajador a su puesto de trabajo, \u00a0que, en cumplimiento de sentencia judicial se est\u00e1 ante una obligaci\u00f3n de hacer, cuya ejecuci\u00f3n por la v\u00eda ejecutiva no goza de la misma efectividad que se alcanzar\u00eda en la hip\u00f3tesis de una obligaci\u00f3n de dar. La prueba palpable de la ineficacia del proceso ejecutivo ...<br \/><div class=\"pt-cv-rmwrap\"><a href=\"https:\/\/www.dmsjuridica.com\/buscador_20179478954\/corteconstitucionalcronologico202454587\/t-395-01\/\" class=\"_self pt-cv-readmore btn btn-success\" target=\"_self\">Ver Sentencia Completa...<\/a><\/div><\/div><\/div><\/div>\n<div class=\"col-md-12 col-sm-12 col-xs-12 pt-cv-content-item pt-cv-1-col\" ><div class='pt-cv-ifield'><a href=\"https:\/\/www.dmsjuridica.com\/buscador_20179478954\/corteconstitucionalcronologico202454587\/t-394-01\/\" class=\"_self pt-cv-href-thumbnail pt-cv-thumb-default\" target=\"_self\" ><\/a>\n<div class=\"pt-cv-taxoterm above_title\"><a href='https:\/\/www.dmsjuridica.com\/buscador_20179478954\/corteconstitucionalcronologico202454587\/category\/buscar-en-toda-la-corte\/2001\/tutelas-2001\/' title='Tutelas 2001' class='pt-cv-tax-tutelas-2001'>Tutelas 2001<\/a><\/div>\n<h4 class=\"pt-cv-title\"><a href=\"https:\/\/www.dmsjuridica.com\/buscador_20179478954\/corteconstitucionalcronologico202454587\/t-394-01\/\" class=\"_self\" target=\"_self\" >T-394-01<\/a><\/h4>\n<div class=\"pt-cv-content\">\u00a0 \u00a0 Sentencia T-394\/01 \u00a0 DERECHO AL PAGO OPORTUNO DEL SALARIO-Fundamental \u00a0 SALARIO-Sumas que deben integrarse para efectos del significado y pago oportuno \u00a0 ACCION DE TUTELA-Procedencia excepcional pago de salarios\/DERECHO AL MINIMO VITAL DEL TRABAJADOR-Pago oportuno de salarios \u00a0 DERECHO AL MINIMO VITAL-Prueba directa o indirecta de situaci\u00f3n econ\u00f3mica y psicol\u00f3gica \u00a0 ACCION DE TUTELA-Inexistencia de perjuicio irremediable \u00a0 Referencia: expediente T-402052\u00a0 \u00a0 Magistrado Ponente:\u00a0 \u00a0 Dr. MARCO GERARDO MONROY CABRA \u00a0 Santa Fe de Bogot\u00e1, diecisiete (17) de abril de dos mil uno (2001) \u00a0 La Sala Sexta de Revisi\u00f3n de la Corte Constitucional, integrada por los Magistrados ...<br \/><div class=\"pt-cv-rmwrap\"><a href=\"https:\/\/www.dmsjuridica.com\/buscador_20179478954\/corteconstitucionalcronologico202454587\/t-394-01\/\" class=\"_self pt-cv-readmore btn btn-success\" target=\"_self\">Ver Sentencia Completa...<\/a><\/div><\/div><\/div><\/div>\n<div class=\"col-md-12 col-sm-12 col-xs-12 pt-cv-content-item pt-cv-1-col\" ><div class='pt-cv-ifield'><a href=\"https:\/\/www.dmsjuridica.com\/buscador_20179478954\/corteconstitucionalcronologico202454587\/t-393-01\/\" class=\"_self pt-cv-href-thumbnail pt-cv-thumb-default\" target=\"_self\" ><\/a>\n<div class=\"pt-cv-taxoterm above_title\"><a href='https:\/\/www.dmsjuridica.com\/buscador_20179478954\/corteconstitucionalcronologico202454587\/category\/buscar-en-toda-la-corte\/2001\/tutelas-2001\/' title='Tutelas 2001' class='pt-cv-tax-tutelas-2001'>Tutelas 2001<\/a><\/div>\n<h4 class=\"pt-cv-title\"><a href=\"https:\/\/www.dmsjuridica.com\/buscador_20179478954\/corteconstitucionalcronologico202454587\/t-393-01\/\" class=\"_self\" target=\"_self\" >T-393-01<\/a><\/h4>\n<div class=\"pt-cv-content\">\u00a0 \u00a0 Sentencia T-393\/01 \u00a0 REVOCACION DIRECTA DE ACTO ADMINISTRATIVO PARTICULAR Y CONCRETO-Consentimiento expreso y escrito del titular \u00a0 VIA GUBERNATIVA Y REVOCACION DIRECTA DE ACTO ADMINISTRATIVO-No pueden decidirse al mismo tiempo \u00a0 No puede al mismo tiempo la administraci\u00f3n p\u00fablica decidir la v\u00eda gubernativa y revocar directamente un acto administrativo, o lo que es lo mismo: decidir la v\u00eda gubernativa pero con argumentos propios de la revocatoria directa, a la cual expresamente se remite. Menos a\u00fan puede hacerse si se trata de actos de car\u00e1cter particular y concreto. Lo justo es que en situaciones como la que ha dado ...<br \/><div class=\"pt-cv-rmwrap\"><a href=\"https:\/\/www.dmsjuridica.com\/buscador_20179478954\/corteconstitucionalcronologico202454587\/t-393-01\/\" class=\"_self pt-cv-readmore btn btn-success\" target=\"_self\">Ver Sentencia Completa...<\/a><\/div><\/div><\/div><\/div>\n<div class=\"col-md-12 col-sm-12 col-xs-12 pt-cv-content-item pt-cv-1-col\" ><div class='pt-cv-ifield'><a href=\"https:\/\/www.dmsjuridica.com\/buscador_20179478954\/corteconstitucionalcronologico202454587\/t-392-01\/\" class=\"_self pt-cv-href-thumbnail pt-cv-thumb-default\" target=\"_self\" ><\/a>\n<div class=\"pt-cv-taxoterm above_title\"><a href='https:\/\/www.dmsjuridica.com\/buscador_20179478954\/corteconstitucionalcronologico202454587\/category\/buscar-en-toda-la-corte\/2001\/tutelas-2001\/' title='Tutelas 2001' class='pt-cv-tax-tutelas-2001'>Tutelas 2001<\/a><\/div>\n<h4 class=\"pt-cv-title\"><a href=\"https:\/\/www.dmsjuridica.com\/buscador_20179478954\/corteconstitucionalcronologico202454587\/t-392-01\/\" class=\"_self\" target=\"_self\" >T-392-01<\/a><\/h4>\n<div class=\"pt-cv-content\">\u00a0 \u00a0 Sentencia T-392\/01 \u00a0 ACCION DE TUTELA-Procedencia excepcional pago de acreencias laborales \u00a0 ACCION DE TUTELA-Improcedencia por no afectaci\u00f3n del m\u00ednimo vital \u00a0 Reiteraci\u00f3n de Jurisprudencia \u00a0 Referencia: expediente T-407936 \u00a0 Acci\u00f3n de tutela instaurada por Mirian Esther Moreno de Candanoza contra el Municipio de El Copey (Cesar).\u00a0 \u00a0 Magistrado Ponente: \u00a0 Dr. JAIME C\u00d3RDOBA TRIVI\u00d1O \u00a0 La Sala Cuarta de Revisi\u00f3n de la Corte Constitucional, en ejercicio de sus competencias constitucionales y legales, en particular las previstas contenidas en los art\u00edculos 86 y 241, numeral 9, de la Constituci\u00f3n y en el Decreto 2591 de 1991, ha proferido ...<br \/><div class=\"pt-cv-rmwrap\"><a href=\"https:\/\/www.dmsjuridica.com\/buscador_20179478954\/corteconstitucionalcronologico202454587\/t-392-01\/\" class=\"_self pt-cv-readmore btn btn-success\" target=\"_self\">Ver Sentencia Completa...<\/a><\/div><\/div><\/div><\/div>\n<div class=\"col-md-12 col-sm-12 col-xs-12 pt-cv-content-item pt-cv-1-col\" ><div class='pt-cv-ifield'><a href=\"https:\/\/www.dmsjuridica.com\/buscador_20179478954\/corteconstitucionalcronologico202454587\/t-391-01\/\" class=\"_self pt-cv-href-thumbnail pt-cv-thumb-default\" target=\"_self\" ><\/a>\n<div class=\"pt-cv-taxoterm above_title\"><a href='https:\/\/www.dmsjuridica.com\/buscador_20179478954\/corteconstitucionalcronologico202454587\/category\/buscar-en-toda-la-corte\/2001\/tutelas-2001\/' title='Tutelas 2001' class='pt-cv-tax-tutelas-2001'>Tutelas 2001<\/a><\/div>\n<h4 class=\"pt-cv-title\"><a href=\"https:\/\/www.dmsjuridica.com\/buscador_20179478954\/corteconstitucionalcronologico202454587\/t-391-01\/\" class=\"_self\" target=\"_self\" >T-391-01<\/a><\/h4>\n<div class=\"pt-cv-content\">\u00a0 \u00a0 Sentencia T-391\/01 \u00a0 DERECHO AL PAGO OPORTUNO DEL SALARIO-Fundamental \u00a0 DERECHO AL MINIMO VITAL DEL TRABAJADOR-Pago oportuno de salarios \u00a0 ACCION DE TUTELA-Procedencia excepcional pago de acreencias laborales \u00a0 EMPLEADOR-Falta de presupuesto o insolvencia para pago oportuno de salarios no es raz\u00f3n suficiente \u00a0 Referencia: expediente T-401969 \u00a0 Acci\u00f3n de tutela instaurada por Amparo Gonz\u00e1lez Reinoso contra Productos Alimenticios y Pasabocas Chispita Ltda. en Liquidaci\u00f3n Obligatoria.\u00a0 \u00a0 Magistrado Ponente: \u00a0 Dr. JAIME C\u00d3RDOBA TRIVI\u00d1O \u00a0 Bogot\u00e1, D.C., diecisiete (17) de abril de dos mil uno (2001). \u00a0 La Sala Cuarta de Revisi\u00f3n de la Corte Constitucional, en ejercicio ...<br \/><div class=\"pt-cv-rmwrap\"><a href=\"https:\/\/www.dmsjuridica.com\/buscador_20179478954\/corteconstitucionalcronologico202454587\/t-391-01\/\" class=\"_self pt-cv-readmore btn btn-success\" target=\"_self\">Ver Sentencia Completa...<\/a><\/div><\/div><\/div><\/div>\n<div class=\"col-md-12 col-sm-12 col-xs-12 pt-cv-content-item pt-cv-1-col\" ><div class='pt-cv-ifield'><a href=\"https:\/\/www.dmsjuridica.com\/buscador_20179478954\/corteconstitucionalcronologico202454587\/t-390-01\/\" class=\"_self pt-cv-href-thumbnail pt-cv-thumb-default\" target=\"_self\" ><\/a>\n<div class=\"pt-cv-taxoterm above_title\"><a href='https:\/\/www.dmsjuridica.com\/buscador_20179478954\/corteconstitucionalcronologico202454587\/category\/buscar-en-toda-la-corte\/2001\/tutelas-2001\/' title='Tutelas 2001' class='pt-cv-tax-tutelas-2001'>Tutelas 2001<\/a><\/div>\n<h4 class=\"pt-cv-title\"><a href=\"https:\/\/www.dmsjuridica.com\/buscador_20179478954\/corteconstitucionalcronologico202454587\/t-390-01\/\" class=\"_self\" target=\"_self\" >T-390-01<\/a><\/h4>\n<div class=\"pt-cv-content\">\u00a0 \u00a0 Sentencia T-390\/01 \u00a0 LICENCIA DE MATERNIDAD-Objeto \u00a0 LICENCIA DE MATERNIDAD-Asunci\u00f3n de patrono por mora en aportes a EPS \u00a0 Referencia: expediente T-399387 \u00a0 Acci\u00f3n de tutela de M\u00f3nica Liliana Alfonso Soto contra la Entidad Promotora de Salud SaludCoop. \u00a0 Magistrado Ponente: \u00a0 Dr. JAIME C\u00d3RDOBA TRIVI\u00d1O \u00a0 Bogot\u00e1, D.C., diecisiete (17) de abril de dos mil uno (2001) \u00a0 La Sala Cuarta de Revisi\u00f3n de la Corte Constitucional, en ejercicio de sus competencias constitucionales y legales, ha proferido la siguiente \u00a0 SENTENCIA \u00a0 I. ANTECEDENTES \u00a0 A. Rese\u00f1a f\u00e1ctica \u00a0 El 20 de agosto de 1999 M\u00f3nica Liliana ...<br \/><div class=\"pt-cv-rmwrap\"><a href=\"https:\/\/www.dmsjuridica.com\/buscador_20179478954\/corteconstitucionalcronologico202454587\/t-390-01\/\" class=\"_self pt-cv-readmore btn btn-success\" target=\"_self\">Ver Sentencia Completa...<\/a><\/div><\/div><\/div><\/div>\n<div class=\"col-md-12 col-sm-12 col-xs-12 pt-cv-content-item pt-cv-1-col\" ><div class='pt-cv-ifield'><a href=\"https:\/\/www.dmsjuridica.com\/buscador_20179478954\/corteconstitucionalcronologico202454587\/t-389-01\/\" class=\"_self pt-cv-href-thumbnail pt-cv-thumb-default\" target=\"_self\" ><\/a>\n<div class=\"pt-cv-taxoterm above_title\"><a href='https:\/\/www.dmsjuridica.com\/buscador_20179478954\/corteconstitucionalcronologico202454587\/category\/buscar-en-toda-la-corte\/2001\/tutelas-2001\/' title='Tutelas 2001' class='pt-cv-tax-tutelas-2001'>Tutelas 2001<\/a><\/div>\n<h4 class=\"pt-cv-title\"><a href=\"https:\/\/www.dmsjuridica.com\/buscador_20179478954\/corteconstitucionalcronologico202454587\/t-389-01\/\" class=\"_self\" target=\"_self\" >T-389-01<\/a><\/h4>\n<div class=\"pt-cv-content\">DERECHO A LA SALUD-Fundamental por conexidad con la vida \u00a0 PLAN OBLIGATORIO DE SALUD-Exclusiones y limitaciones \u00a0 DERECHO A LA SALUD-Necesidad de cirug\u00eda que no tiene principalmente fines est\u00e9ticos \u00a0 DERECHO A LA SALUD-Cirug\u00eda de mamoplastia reductora \u00a0 Referencia: expediente T-399236 \u00a0 Acci\u00f3n de tutela interpuesta por Martha Elena G\u00f3mez Cock contra SALUDCOOP EPS \u00a0 Magistrado Ponente: \u00a0 Dr. JAIME C\u00d3RDOBA TRIVI\u00d1O \u00a0 Bogot\u00e1, D.C., diecisiete (17) de abril de dos mil uno (2001). \u00a0 La Sala Cuarta de Revisi\u00f3n de la Corte Constitucional, en ejercicio de sus competencias constitucionales y legales, espec\u00edficamente las previstas en los art\u00edculos 86 y ...<br \/><div class=\"pt-cv-rmwrap\"><a href=\"https:\/\/www.dmsjuridica.com\/buscador_20179478954\/corteconstitucionalcronologico202454587\/t-389-01\/\" class=\"_self pt-cv-readmore btn btn-success\" target=\"_self\">Ver Sentencia Completa...<\/a><\/div><\/div><\/div><\/div>\n<div class=\"col-md-12 col-sm-12 col-xs-12 pt-cv-content-item pt-cv-1-col\" ><div class='pt-cv-ifield'><a href=\"https:\/\/www.dmsjuridica.com\/buscador_20179478954\/corteconstitucionalcronologico202454587\/t-388-01\/\" class=\"_self pt-cv-href-thumbnail pt-cv-thumb-default\" target=\"_self\" ><\/a>\n<div class=\"pt-cv-taxoterm above_title\"><a href='https:\/\/www.dmsjuridica.com\/buscador_20179478954\/corteconstitucionalcronologico202454587\/category\/buscar-en-toda-la-corte\/2001\/tutelas-2001\/' title='Tutelas 2001' class='pt-cv-tax-tutelas-2001'>Tutelas 2001<\/a><\/div>\n<h4 class=\"pt-cv-title\"><a href=\"https:\/\/www.dmsjuridica.com\/buscador_20179478954\/corteconstitucionalcronologico202454587\/t-388-01\/\" class=\"_self\" target=\"_self\" >T-388-01<\/a><\/h4>\n<div class=\"pt-cv-content\">\u00a0 \u00a0 Sentencia T-388\/01 \u00a0 EDUCACION-Derecho y servicio p\u00fablico con funci\u00f3n social \u00a0 EDUCACION PRESTADA POR PARTICULARES Y LIBERTAD DE EMPRESA-Equilibrio \u00a0 La Corte ha desarrollado una l\u00ednea jurisprudencial encaminada a propiciar una relaci\u00f3n de equilibrio entre la protecci\u00f3n del derecho fundamental a la educaci\u00f3n prestado por particulares y la garant\u00eda del derecho de libertad de empresa de \u00e9stos, que comprende, entre otras cosas, el derecho de lograr una leg\u00edtima remuneraci\u00f3n econ\u00f3mica con ocasi\u00f3n de la prestaci\u00f3n de ese servicio. \u00a0 DERECHO A LA EDUCACION-Retenci\u00f3n de t\u00edtulo o no graduaci\u00f3n por incumplimiento de obligaciones econ\u00f3micas \u00a0 EDUCACION PRIVADA-Retribuci\u00f3n econ\u00f3mica como ...<br \/><div class=\"pt-cv-rmwrap\"><a href=\"https:\/\/www.dmsjuridica.com\/buscador_20179478954\/corteconstitucionalcronologico202454587\/t-388-01\/\" class=\"_self pt-cv-readmore btn btn-success\" target=\"_self\">Ver Sentencia Completa...<\/a><\/div><\/div><\/div><\/div>\n<div class=\"col-md-12 col-sm-12 col-xs-12 pt-cv-content-item pt-cv-1-col\" ><div class='pt-cv-ifield'><a href=\"https:\/\/www.dmsjuridica.com\/buscador_20179478954\/corteconstitucionalcronologico202454587\/t-387-01\/\" class=\"_self pt-cv-href-thumbnail pt-cv-thumb-default\" target=\"_self\" ><\/a>\n<div class=\"pt-cv-taxoterm above_title\"><a href='https:\/\/www.dmsjuridica.com\/buscador_20179478954\/corteconstitucionalcronologico202454587\/category\/buscar-en-toda-la-corte\/2001\/tutelas-2001\/' title='Tutelas 2001' class='pt-cv-tax-tutelas-2001'>Tutelas 2001<\/a><\/div>\n<h4 class=\"pt-cv-title\"><a href=\"https:\/\/www.dmsjuridica.com\/buscador_20179478954\/corteconstitucionalcronologico202454587\/t-387-01\/\" class=\"_self\" target=\"_self\" >T-387-01<\/a><\/h4>\n<div class=\"pt-cv-content\">\u00a0 \u00a0 Sentencia T-387\/01 \u00a0 DERECHO A LA SALUD Y SEGURIDAD SOCIAL DEL NI\u00d1O-Prevalencia \u00a0 DERECHOS FUNDAMENTALES DEL NI\u00d1O-Protecci\u00f3n constitucional especial \u00a0 SISBEN-Objeto\/SISBEN-Importancia constitucional \u00a0 SEGURO SOCIAL-Omisi\u00f3n pr\u00e1ctica de cirug\u00eda a menor por falta de organizaci\u00f3n \u00a0 La intervenci\u00f3n quir\u00fargica no se realiz\u00f3 en el plazo dado por los jueces. La omisi\u00f3n se gener\u00f3 por la indiferencia o la falta de organizaci\u00f3n del Instituto de Seguro Social, que no atendi\u00f3 oportunamente al menor, y no porque el beneficiario estuviera fuera de t\u00e9rmino de protecci\u00f3n se\u00f1alado en la ley. No sirve de excusa a posteriori el hecho que la orden m\u00e9dica ...<br \/><div class=\"pt-cv-rmwrap\"><a href=\"https:\/\/www.dmsjuridica.com\/buscador_20179478954\/corteconstitucionalcronologico202454587\/t-387-01\/\" class=\"_self pt-cv-readmore btn btn-success\" target=\"_self\">Ver Sentencia Completa...<\/a><\/div><\/div><\/div><\/div>\n<div class=\"col-md-12 col-sm-12 col-xs-12 pt-cv-content-item pt-cv-1-col\" ><div class='pt-cv-ifield'><a href=\"https:\/\/www.dmsjuridica.com\/buscador_20179478954\/corteconstitucionalcronologico202454587\/t-386-01\/\" class=\"_self pt-cv-href-thumbnail pt-cv-thumb-default\" target=\"_self\" ><\/a>\n<div class=\"pt-cv-taxoterm above_title\"><a href='https:\/\/www.dmsjuridica.com\/buscador_20179478954\/corteconstitucionalcronologico202454587\/category\/buscar-en-toda-la-corte\/2001\/tutelas-2001\/' title='Tutelas 2001' class='pt-cv-tax-tutelas-2001'>Tutelas 2001<\/a><\/div>\n<h4 class=\"pt-cv-title\"><a href=\"https:\/\/www.dmsjuridica.com\/buscador_20179478954\/corteconstitucionalcronologico202454587\/t-386-01\/\" class=\"_self\" target=\"_self\" >T-386-01<\/a><\/h4>\n<div class=\"pt-cv-content\">\u00a0 \u00a0 Sentencia T-386\/01 \u00a0 DERECHO AL MINIMO VITAL DEL TRABAJADOR-Pago oportuno de salarios \u00a0 ACCION DE TUTELA-Procedencia excepcional pago de acreencias laborales \u00a0 DERECHO AL MINIMO VITAL-Prueba de la amenaza \u00a0 -Reiteraci\u00f3n de Jurisprudencia- \u00a0 Referencia: expediente T-375746 \u00a0 Acci\u00f3n de tutela instaurada por Jos\u00e9 Joaqu\u00edn Arcila G\u00f3mez contra el Departamento del Tolima y otros. \u00a0 Magistrado Ponente: \u00a0 Dr. ALVARO TAFUR GALVIS. \u00a0 Bogot\u00e1 D. C., diecisiete (17) de abril del a\u00f1o dos mil uno (2001). \u00a0 La Sala Octava de Revisi\u00f3n de la Corte Constitucional, en ejercicio de sus competencias constitucionales y legales, en particular las contenidas ...<br \/><div class=\"pt-cv-rmwrap\"><a href=\"https:\/\/www.dmsjuridica.com\/buscador_20179478954\/corteconstitucionalcronologico202454587\/t-386-01\/\" class=\"_self pt-cv-readmore btn btn-success\" target=\"_self\">Ver Sentencia Completa...<\/a><\/div><\/div><\/div><\/div>\n<div class=\"col-md-12 col-sm-12 col-xs-12 pt-cv-content-item pt-cv-1-col\" ><div class='pt-cv-ifield'><a href=\"https:\/\/www.dmsjuridica.com\/buscador_20179478954\/corteconstitucionalcronologico202454587\/t-385-01\/\" class=\"_self pt-cv-href-thumbnail pt-cv-thumb-default\" target=\"_self\" ><\/a>\n<div class=\"pt-cv-taxoterm above_title\"><a href='https:\/\/www.dmsjuridica.com\/buscador_20179478954\/corteconstitucionalcronologico202454587\/category\/buscar-en-toda-la-corte\/2001\/tutelas-2001\/' title='Tutelas 2001' class='pt-cv-tax-tutelas-2001'>Tutelas 2001<\/a><\/div>\n<h4 class=\"pt-cv-title\"><a href=\"https:\/\/www.dmsjuridica.com\/buscador_20179478954\/corteconstitucionalcronologico202454587\/t-385-01\/\" class=\"_self\" target=\"_self\" >T-385-01<\/a><\/h4>\n<div class=\"pt-cv-content\">\u00a0 \u00a0 Sentencia T-385\/01 \u00a0 ACCION DE TUTELA-Naturaleza \u00a0 JUEZ CONSTITUCIONAL-Improcedencia para sustituir a las autoridades en las competencias asignadas por la Constituci\u00f3n Pol\u00edtica \u00a0 ACCION DE TUTELA TRANSITORIA-Improcedencia incremento salarial para servidores p\u00fablicos \u00a0 Reiteraci\u00f3n de Jurisprudencia \u00a0 Referencia: expedientes Acumulados: \u00a0T-326894, T-327136, T-327138, T-405115, T-405268 y T-405269. \u00a0 Acci\u00f3n de tutela instaurada por los accionantes Berta Libia R\u00edos de Aguirre, Gabriel Angel Mahecha P\u00e9rez, Carmen Cecilia Bola\u00f1o de Arias y Alfredo Rafael Gregory Ram\u00edrez contra la Naci\u00f3n, Ministerio de Hacienda y Cr\u00e9dito P\u00fablico, Ministerio de Educaci\u00f3n y el Departamento Administrativo de la Funci\u00f3n P\u00fablica. \u00a0 Magistrado Ponente: \u00a0 ...<br \/><div class=\"pt-cv-rmwrap\"><a href=\"https:\/\/www.dmsjuridica.com\/buscador_20179478954\/corteconstitucionalcronologico202454587\/t-385-01\/\" class=\"_self pt-cv-readmore btn btn-success\" target=\"_self\">Ver Sentencia Completa...<\/a><\/div><\/div><\/div><\/div>\n<div class=\"col-md-12 col-sm-12 col-xs-12 pt-cv-content-item pt-cv-1-col\" ><div class='pt-cv-ifield'><a href=\"https:\/\/www.dmsjuridica.com\/buscador_20179478954\/corteconstitucionalcronologico202454587\/t-384-01\/\" class=\"_self pt-cv-href-thumbnail pt-cv-thumb-default\" target=\"_self\" ><\/a>\n<div class=\"pt-cv-taxoterm above_title\"><a href='https:\/\/www.dmsjuridica.com\/buscador_20179478954\/corteconstitucionalcronologico202454587\/category\/buscar-en-toda-la-corte\/2001\/tutelas-2001\/' title='Tutelas 2001' class='pt-cv-tax-tutelas-2001'>Tutelas 2001<\/a><\/div>\n<h4 class=\"pt-cv-title\"><a href=\"https:\/\/www.dmsjuridica.com\/buscador_20179478954\/corteconstitucionalcronologico202454587\/t-384-01\/\" class=\"_self\" target=\"_self\" >T-384-01<\/a><\/h4>\n<div class=\"pt-cv-content\">\u00a0 \u00a0 Sentencia T-384\/01 \u00a0 ACCION DE TUTELA-Procedencia excepcional pago de acreencias laborales \u00a0 DERECHO A LA IGUALDAD-Discriminaci\u00f3n por raz\u00f3n del r\u00e9gimen prestacional\/DERECHO A LA IGUALDAD-Discriminaci\u00f3n entre empleados judiciales por r\u00e9gimen de cesant\u00edas parciales \u00a0 DERECHO A LA IGUALDAD-Discriminaci\u00f3n por tr\u00e1nsito de legislaci\u00f3n respecto pago de cesant\u00edas parciales \u00a0 Reiteraci\u00f3n de jurisprudencia \u00a0 Referencia: expediente T-374069 \u00a0 Acci\u00f3n de Tutela incoada por Roberto Soto P\u00e9rez contra el Ministerio de Hacienda y la Direcci\u00f3n Seccional de Administraci\u00f3n de Justicia\u00a0 \u00a0 Magistrado Ponente: \u00a0 Dr. ALVARO TAFUR GALVIS. \u00a0 La Sala Octava de Revisi\u00f3n de Tutelas de la Corte Constitucional, compuesta por ...<br \/><div class=\"pt-cv-rmwrap\"><a href=\"https:\/\/www.dmsjuridica.com\/buscador_20179478954\/corteconstitucionalcronologico202454587\/t-384-01\/\" class=\"_self pt-cv-readmore btn btn-success\" target=\"_self\">Ver Sentencia Completa...<\/a><\/div><\/div><\/div><\/div>\n<div class=\"col-md-12 col-sm-12 col-xs-12 pt-cv-content-item pt-cv-1-col\" ><div class='pt-cv-ifield'><a href=\"https:\/\/www.dmsjuridica.com\/buscador_20179478954\/corteconstitucionalcronologico202454587\/t-383-01\/\" class=\"_self pt-cv-href-thumbnail pt-cv-thumb-default\" target=\"_self\" ><\/a>\n<div class=\"pt-cv-taxoterm above_title\"><a href='https:\/\/www.dmsjuridica.com\/buscador_20179478954\/corteconstitucionalcronologico202454587\/category\/buscar-en-toda-la-corte\/2001\/tutelas-2001\/' title='Tutelas 2001' class='pt-cv-tax-tutelas-2001'>Tutelas 2001<\/a><\/div>\n<h4 class=\"pt-cv-title\"><a href=\"https:\/\/www.dmsjuridica.com\/buscador_20179478954\/corteconstitucionalcronologico202454587\/t-383-01\/\" class=\"_self\" target=\"_self\" >T-383-01<\/a><\/h4>\n<div class=\"pt-cv-content\">\u00a0 \u00a0 Sentencia T-383\/01 \u00a0 ACCION DE TUTELA-Subsidiariedad \u00a0 MEDIO DE DEFENSA JUDICIAL EFICAZ-Procedencia para desvirtuar legalidad de un acto administrativo \u00a0 ACTO ADMINISTRATIVO-Traslado de docente \u00a0 ACCION DE TUTELA TRANSITORIA-Existencia de perjuicio irremediable \u00a0 PERJUICIO IRREMEDIABLE-Elementos \u00a0 ACCION DE TUTELA-Amenaza cierta y contundente de violaci\u00f3n de derechos \u00a0 IUS VARIANDI-L\u00edmites\/ACCION DE TUTELA-Improcedencia de traslados cuando se encuentra en peligro un servicio p\u00fablico \u00a0 ACCION DE TUTELA TRANSITORIA-Inexistencia de perjuicio irremediable \u00a0 Referencia: expediente T-399.270 \u00a0 Accionante: Teresa de Jes\u00fas Gonz\u00e1lez Gonz\u00e1lez. \u00a0 Demandado: \u00a0Gobernador de Antioquia. \u00a0 Tema: Traslado de educador por acto administrativo. \u00a0 Magistrado Ponente:\u00a0 \u00a0 Dr ...<br \/><div class=\"pt-cv-rmwrap\"><a href=\"https:\/\/www.dmsjuridica.com\/buscador_20179478954\/corteconstitucionalcronologico202454587\/t-383-01\/\" class=\"_self pt-cv-readmore btn btn-success\" target=\"_self\">Ver Sentencia Completa...<\/a><\/div><\/div><\/div><\/div>\n<div class=\"col-md-12 col-sm-12 col-xs-12 pt-cv-content-item pt-cv-1-col\" ><div class='pt-cv-ifield'><a href=\"https:\/\/www.dmsjuridica.com\/buscador_20179478954\/corteconstitucionalcronologico202454587\/t-382-01\/\" class=\"_self pt-cv-href-thumbnail pt-cv-thumb-default\" target=\"_self\" ><\/a>\n<div class=\"pt-cv-taxoterm above_title\"><a href='https:\/\/www.dmsjuridica.com\/buscador_20179478954\/corteconstitucionalcronologico202454587\/category\/buscar-en-toda-la-corte\/2001\/tutelas-2001\/' title='Tutelas 2001' class='pt-cv-tax-tutelas-2001'>Tutelas 2001<\/a><\/div>\n<h4 class=\"pt-cv-title\"><a href=\"https:\/\/www.dmsjuridica.com\/buscador_20179478954\/corteconstitucionalcronologico202454587\/t-382-01\/\" class=\"_self\" target=\"_self\" >T-382-01<\/a><\/h4>\n<div class=\"pt-cv-content\">\u00a0 \u00a0 Sentencia T-382\/01 \u00a0 ACCION DE TUTELA CONTRA PROVIDENCIAS JUDICIALES-Procedencia excepcional por v\u00eda de hecho judicial \u00a0 ACCION DE TUTELA-Procedencia excepcional cuando interpretaciones del ordenamiento \u00a0jur\u00eddico contravienen principios y valores constitucionales\/DECISION ULTRA O EXTRA VIRES-No constituye ejercicio de la autonom\u00eda \u00a0 A\u00fan cuando la tutela no es un mecanismo para controvertir las interpretaciones que los jueces hagan del ordenamiento jur\u00eddico, sustituy\u00e9ndolas por otras que el juez de tutela considere mejores o m\u00e1s adecuadas, en ciertos eventos, es procedente la tutela cuando la interpretaci\u00f3n de la ley por el juez ordinario contraviene los principios y valores constitucionales, derechos fundamentales o ...<br \/><div class=\"pt-cv-rmwrap\"><a href=\"https:\/\/www.dmsjuridica.com\/buscador_20179478954\/corteconstitucionalcronologico202454587\/t-382-01\/\" class=\"_self pt-cv-readmore btn btn-success\" target=\"_self\">Ver Sentencia Completa...<\/a><\/div><\/div><\/div><\/div>\n<div class=\"col-md-12 col-sm-12 col-xs-12 pt-cv-content-item pt-cv-1-col\" ><div class='pt-cv-ifield'><a href=\"https:\/\/www.dmsjuridica.com\/buscador_20179478954\/corteconstitucionalcronologico202454587\/t-381-01\/\" class=\"_self pt-cv-href-thumbnail pt-cv-thumb-default\" target=\"_self\" ><\/a>\n<div class=\"pt-cv-taxoterm above_title\"><a href='https:\/\/www.dmsjuridica.com\/buscador_20179478954\/corteconstitucionalcronologico202454587\/category\/buscar-en-toda-la-corte\/2001\/tutelas-2001\/' title='Tutelas 2001' class='pt-cv-tax-tutelas-2001'>Tutelas 2001<\/a><\/div>\n<h4 class=\"pt-cv-title\"><a href=\"https:\/\/www.dmsjuridica.com\/buscador_20179478954\/corteconstitucionalcronologico202454587\/t-381-01\/\" class=\"_self\" target=\"_self\" >T-381-01<\/a><\/h4>\n<div class=\"pt-cv-content\">\u00a0 \u00a0 Sentencia T-381\/01 \u00a0 DERECHO AL MINIMO VITAL DEL PENSIONADO-Pago oportuno de mesadas \u00a0 CAJA DE PREVISION SOCIAL DEPARTAMENTAL-Pago de mesadas pensionales previa disponibilidad presupuestal o inicio de diligencias para su consecuci\u00f3n \u00a0 -Reiteraci\u00f3n de Jurisprudencia- \u00a0 Referencia: expediente T-396771 \u00a0 Acci\u00f3n de tutela instaurada por Miguel Quintero L\u00f3pez contra la Caja de Previsi\u00f3n Social de Boyac\u00e1. \u00a0 Magistrado Ponente: \u00a0 Dr. RODRIGO ESCOBAR GIL. \u00a0 La Sala Quinta de Revisi\u00f3n de la Corte Constitucional, en ejercicio de sus competencias constitucionales y legales, en particular las contenidas en los art\u00edculos 86 y 241, numeral 9, de la Constituci\u00f3n y ...<br \/><div class=\"pt-cv-rmwrap\"><a href=\"https:\/\/www.dmsjuridica.com\/buscador_20179478954\/corteconstitucionalcronologico202454587\/t-381-01\/\" class=\"_self pt-cv-readmore btn btn-success\" target=\"_self\">Ver Sentencia Completa...<\/a><\/div><\/div><\/div><\/div>\n<div class=\"col-md-12 col-sm-12 col-xs-12 pt-cv-content-item pt-cv-1-col\" ><div class='pt-cv-ifield'><a href=\"https:\/\/www.dmsjuridica.com\/buscador_20179478954\/corteconstitucionalcronologico202454587\/t-380-01\/\" class=\"_self pt-cv-href-thumbnail pt-cv-thumb-default\" target=\"_self\" ><\/a>\n<div class=\"pt-cv-taxoterm above_title\"><a href='https:\/\/www.dmsjuridica.com\/buscador_20179478954\/corteconstitucionalcronologico202454587\/category\/buscar-en-toda-la-corte\/2001\/tutelas-2001\/' title='Tutelas 2001' class='pt-cv-tax-tutelas-2001'>Tutelas 2001<\/a><\/div>\n<h4 class=\"pt-cv-title\"><a href=\"https:\/\/www.dmsjuridica.com\/buscador_20179478954\/corteconstitucionalcronologico202454587\/t-380-01\/\" class=\"_self\" target=\"_self\" >T-380-01<\/a><\/h4>\n<div class=\"pt-cv-content\">\u00a0 \u00a0 Sentencia T-380\/01 \u00a0 ACCION DE TUTELA-Carencia actual de objeto \u00a0 Referencia: expediente: T-280389 \u00a0 Acci\u00f3n de tutela instaurada por Cerbele\u00f3n Aranguren Chaparro contra la Caja de Previsi\u00f3n Social de Boyac\u00e1. \u00a0 Magistrado Ponente: \u00a0 Dr. EDUARDO MONTEALEGRE LYNETT \u00a0 Bogot\u00e1 D.C., cinco (5) de abril de dos mil uno (2001). \u00a0 La Sala S\u00e9ptima de Revisi\u00f3n de la Corte Constitucional, integrada por los magistrados Eduardo Montealegre Lynett, Alvaro Tafur G\u00e1lvis y Clara In\u00e9s V\u00e1rgas Hern\u00e1ndez, en ejercicio de sus competencias constitucionales y legales, ha proferido la siguiente \u00a0 SENTENCIA \u00a0 dentro del proceso de revisi\u00f3n de los fallos ...<br \/><div class=\"pt-cv-rmwrap\"><a href=\"https:\/\/www.dmsjuridica.com\/buscador_20179478954\/corteconstitucionalcronologico202454587\/t-380-01\/\" class=\"_self pt-cv-readmore btn btn-success\" target=\"_self\">Ver Sentencia Completa...<\/a><\/div><\/div><\/div><\/div>\n<div class=\"col-md-12 col-sm-12 col-xs-12 pt-cv-content-item pt-cv-1-col\" ><div class='pt-cv-ifield'><a href=\"https:\/\/www.dmsjuridica.com\/buscador_20179478954\/corteconstitucionalcronologico202454587\/t-379-01\/\" class=\"_self pt-cv-href-thumbnail pt-cv-thumb-default\" target=\"_self\" ><\/a>\n<div class=\"pt-cv-taxoterm above_title\"><a href='https:\/\/www.dmsjuridica.com\/buscador_20179478954\/corteconstitucionalcronologico202454587\/category\/buscar-en-toda-la-corte\/2001\/tutelas-2001\/' title='Tutelas 2001' class='pt-cv-tax-tutelas-2001'>Tutelas 2001<\/a><\/div>\n<h4 class=\"pt-cv-title\"><a href=\"https:\/\/www.dmsjuridica.com\/buscador_20179478954\/corteconstitucionalcronologico202454587\/t-379-01\/\" class=\"_self\" target=\"_self\" >T-379-01<\/a><\/h4>\n<div class=\"pt-cv-content\">\u00a0 \u00a0 Sentencia T-379\/01 \u00a0 ACCION DE TUTELA-Subsidiariedad \u00a0 PERJUICIO IRREMEDIABLE-Caracter\u00edsticas \u00a0 ACCION DE TUTELA-Inexistencia de perjuicio irremediable \u00a0 MEDIO DE DEFENSA JUDICIAL-Interpretaci\u00f3n de normas jur\u00eddicas urban\u00edsticas \u00a0 DERECHOS COLECTIVOS-Construcci\u00f3n proyecto Exito-Country \u00a0 ACCION POPULAR-Defensa de derechos colectivos \u00a0 ACCION POPULAR-Naturaleza preventiva \u00a0 Referencia: expediente No. T- 401250 \u00a0 Acci\u00f3n de tutela instaurada por Lucia Echeverry de Rozo contra Curadur\u00eda Urbana No. 2 de Bogot\u00e1 y el Departamento administrativo de Planeaci\u00f3n Distrital \u00a0 Magistrada Ponente: \u00a0 Dra. CLARA INES VARGAS HERNANDEZ \u00a0 Bogot\u00e1 D.C., \u00a0cinco (5 ) de abril de dos mil uno (2001) \u00a0 La Sala novena de revisi\u00f3n ...<br \/><div class=\"pt-cv-rmwrap\"><a href=\"https:\/\/www.dmsjuridica.com\/buscador_20179478954\/corteconstitucionalcronologico202454587\/t-379-01\/\" class=\"_self pt-cv-readmore btn btn-success\" target=\"_self\">Ver Sentencia Completa...<\/a><\/div><\/div><\/div><\/div>\n<div class=\"col-md-12 col-sm-12 col-xs-12 pt-cv-content-item pt-cv-1-col\" ><div class='pt-cv-ifield'><a href=\"https:\/\/www.dmsjuridica.com\/buscador_20179478954\/corteconstitucionalcronologico202454587\/t-378-01\/\" class=\"_self pt-cv-href-thumbnail pt-cv-thumb-default\" target=\"_self\" ><\/a>\n<div class=\"pt-cv-taxoterm above_title\"><a href='https:\/\/www.dmsjuridica.com\/buscador_20179478954\/corteconstitucionalcronologico202454587\/category\/buscar-en-toda-la-corte\/2001\/tutelas-2001\/' title='Tutelas 2001' class='pt-cv-tax-tutelas-2001'>Tutelas 2001<\/a><\/div>\n<h4 class=\"pt-cv-title\"><a href=\"https:\/\/www.dmsjuridica.com\/buscador_20179478954\/corteconstitucionalcronologico202454587\/t-378-01\/\" class=\"_self\" target=\"_self\" >T-378-01<\/a><\/h4>\n<div class=\"pt-cv-content\">\u00a0 \u00a0 Sentencia T-378\/01 \u00a0 \u00a0 \u00a0 \u00a0 \u00a0 \u00a0 ACCION DE TUTELA-Subsidiariedad \u00a0 ACCION DE TUTELA-Improcedencia por hacer caso omiso a las acciones y recursos ordinarios \u00a0 ACCION DE TUTELA-Uso desmedido y arbitrario \u00a0 Referencia: expediente T-400891 \u00a0 \u00a0 \u00a0 \u00a0 \u00a0 \u00a0 Acci\u00f3n de tutela instaurada por Myriam Cecilia Urieles de Camargo y Otros, contra el Municipio de la Zona Bananera. \u00a0 Magistrada Ponente: \u00a0 Dra. CLARA INES VARGAS HERNANDEZ \u00a0 \u00a0 \u00a0 \u00a0 \u00a0 \u00a0 \u00a0 \u00a0 \u00a0 \u00a0 Bogot\u00e1, D.C., abril cuatro (4) de dos mil uno (2001) \u00a0\u00a0 \u00a0 \u00a0 \u00a0 La Sala Novena de ...<br \/><div class=\"pt-cv-rmwrap\"><a href=\"https:\/\/www.dmsjuridica.com\/buscador_20179478954\/corteconstitucionalcronologico202454587\/t-378-01\/\" class=\"_self pt-cv-readmore btn btn-success\" target=\"_self\">Ver Sentencia Completa...<\/a><\/div><\/div><\/div><\/div>\n<div class=\"col-md-12 col-sm-12 col-xs-12 pt-cv-content-item pt-cv-1-col\" ><div class='pt-cv-ifield'><a href=\"https:\/\/www.dmsjuridica.com\/buscador_20179478954\/corteconstitucionalcronologico202454587\/t-377-01\/\" class=\"_self pt-cv-href-thumbnail pt-cv-thumb-default\" target=\"_self\" ><\/a>\n<div class=\"pt-cv-taxoterm above_title\"><a href='https:\/\/www.dmsjuridica.com\/buscador_20179478954\/corteconstitucionalcronologico202454587\/category\/buscar-en-toda-la-corte\/2001\/tutelas-2001\/' title='Tutelas 2001' class='pt-cv-tax-tutelas-2001'>Tutelas 2001<\/a><\/div>\n<h4 class=\"pt-cv-title\"><a href=\"https:\/\/www.dmsjuridica.com\/buscador_20179478954\/corteconstitucionalcronologico202454587\/t-377-01\/\" class=\"_self\" target=\"_self\" >T-377-01<\/a><\/h4>\n<div class=\"pt-cv-content\">\u00a0 \u00a0 Sentencia T-377\/01 \u00a0 ACCION DE TUTELA-Naturaleza \u00a0 JUEZ CONSTITUCIONAL-Improcedencia para sustituir a las autoridades en las competencias asignadas por la Constituci\u00f3n Pol\u00edtica \u00a0 ACCION DE TUTELA TRANSITORIA-Improcedencia incremento salarial para servidores p\u00fablicos \u00a0 Referencia: expedientes T-396106 y otros (Acumulados) \u00a0 Acci\u00f3n de tutela instaurada por Jos\u00e9 Leonidas Montoya y otros contra la Naci\u00f3n y otros entes territoriales y de servicios. \u00a0 Magistrada Ponente: \u00a0 Dra. CLARA INES VARGAS HERNANDEZ \u00a0 Bogot\u00e1, D.C., abril cuatro (4) del dos mil uno (2001) \u00a0\u00a0 \u00a0 \u00a0 \u00a0 La Sala Novena de Revisi\u00f3n de Tutelas de la Corte Constitucional, integrada por los ...<br \/><div class=\"pt-cv-rmwrap\"><a href=\"https:\/\/www.dmsjuridica.com\/buscador_20179478954\/corteconstitucionalcronologico202454587\/t-377-01\/\" class=\"_self pt-cv-readmore btn btn-success\" target=\"_self\">Ver Sentencia Completa...<\/a><\/div><\/div><\/div><\/div>\n<div class=\"col-md-12 col-sm-12 col-xs-12 pt-cv-content-item pt-cv-1-col\" ><div class='pt-cv-ifield'><a href=\"https:\/\/www.dmsjuridica.com\/buscador_20179478954\/corteconstitucionalcronologico202454587\/t-376-01\/\" class=\"_self pt-cv-href-thumbnail pt-cv-thumb-default\" target=\"_self\" ><\/a>\n<div class=\"pt-cv-taxoterm above_title\"><a href='https:\/\/www.dmsjuridica.com\/buscador_20179478954\/corteconstitucionalcronologico202454587\/category\/buscar-en-toda-la-corte\/2001\/tutelas-2001\/' title='Tutelas 2001' class='pt-cv-tax-tutelas-2001'>Tutelas 2001<\/a><\/div>\n<h4 class=\"pt-cv-title\"><a href=\"https:\/\/www.dmsjuridica.com\/buscador_20179478954\/corteconstitucionalcronologico202454587\/t-376-01\/\" class=\"_self\" target=\"_self\" >T-376-01<\/a><\/h4>\n<div class=\"pt-cv-content\">ACCION DE TUTELA-Hecho superado \u00a0 Referencia: expediente: T-400908 \u00a0 Acci\u00f3n de tutela instaurada por Antonio Mar\u00eda Moreno Deulofeut contra Instituto de los Seguros Sociales Seccional Atl\u00e1ntico. \u00a0 Magistrado ponente: \u00a0 Dr. EDUARDO MONTEALEGRE LYNETT \u00a0 Bogot\u00e1 D.C., cinco (5) de abril de dos mil uno (2001). \u00a0 La Sala S\u00e9ptima de Revisi\u00f3n de la Corte Constitucional, integrada por los magistrados Eduardo Montealegre Lynett, Alvaro Tafur G\u00e1lvis y Clara In\u00e9s V\u00e1rgas Hern\u00e1ndez, en ejercicio de sus competencias constitucionales y legales, ha proferido la siguiente \u00a0 SENTENCIA \u00a0 dentro del proceso de revisi\u00f3n del fallo adoptado por el Juzgado D\u00e9cimo Penal Municipal ...<br \/><div class=\"pt-cv-rmwrap\"><a href=\"https:\/\/www.dmsjuridica.com\/buscador_20179478954\/corteconstitucionalcronologico202454587\/t-376-01\/\" class=\"_self pt-cv-readmore btn btn-success\" target=\"_self\">Ver Sentencia Completa...<\/a><\/div><\/div><\/div><\/div>\n<div class=\"col-md-12 col-sm-12 col-xs-12 pt-cv-content-item pt-cv-1-col\" ><div class='pt-cv-ifield'><a href=\"https:\/\/www.dmsjuridica.com\/buscador_20179478954\/corteconstitucionalcronologico202454587\/t-375-01\/\" class=\"_self pt-cv-href-thumbnail pt-cv-thumb-default\" target=\"_self\" ><\/a>\n<div class=\"pt-cv-taxoterm above_title\"><a href='https:\/\/www.dmsjuridica.com\/buscador_20179478954\/corteconstitucionalcronologico202454587\/category\/buscar-en-toda-la-corte\/2001\/tutelas-2001\/' title='Tutelas 2001' class='pt-cv-tax-tutelas-2001'>Tutelas 2001<\/a><\/div>\n<h4 class=\"pt-cv-title\"><a href=\"https:\/\/www.dmsjuridica.com\/buscador_20179478954\/corteconstitucionalcronologico202454587\/t-375-01\/\" class=\"_self\" target=\"_self\" >T-375-01<\/a><\/h4>\n<div class=\"pt-cv-content\">\u00a0 \u00a0 Sentencia T-375\/01 \u00a0 DERECHO AL TRABAJO EN CONDICIONES DIGNAS Y JUSTAS-Pago oportuno de salarios \u00a0 DERECHO AL PAGO OPORTUNO DEL SALARIO-Fundamental\/DERECHO AL MINIMO VITAL DEL TRABAJADOR-Pago oportuno de salarios \u00a0 Reiteraci\u00f3n de Jurisprudencia \u00a0 Referencia: expedientes Nos.:\u00a0 \u00a0 T-399686 \u00a0 \u00a0 \u00a0 \u00a0 \u00a0 \u00a0 \u00a0 \u00a0 \u00a0 \u00a0\u00a0 T-399806 \u00a0 \u00a0 \u00a0 \u00a0 \u00a0 \u00a0 \u00a0 \u00a0 \u00a0 \u00a0\u00a0 T-399798 \u00a0 \u00a0 \u00a0 \u00a0 \u00a0 \u00a0 \u00a0 \u00a0 \u00a0 \u00a0\u00a0 T-400051 \u00a0\u00a0 T-399792 \u00a0 \u00a0 \u00a0 \u00a0 \u00a0 \u00a0 \u00a0 \u00a0 \u00a0 \u00a0\u00a0 T-399807 \u00a0 \u00a0 \u00a0 \u00a0 \u00a0 \u00a0 \u00a0 \u00a0 \u00a0 \u00a0\u00a0 T-399799 \u00a0 \u00a0 ...<br \/><div class=\"pt-cv-rmwrap\"><a href=\"https:\/\/www.dmsjuridica.com\/buscador_20179478954\/corteconstitucionalcronologico202454587\/t-375-01\/\" class=\"_self pt-cv-readmore btn btn-success\" target=\"_self\">Ver Sentencia Completa...<\/a><\/div><\/div><\/div><\/div>\n<div class=\"col-md-12 col-sm-12 col-xs-12 pt-cv-content-item pt-cv-1-col\" ><div class='pt-cv-ifield'><a href=\"https:\/\/www.dmsjuridica.com\/buscador_20179478954\/corteconstitucionalcronologico202454587\/t-374-01\/\" class=\"_self pt-cv-href-thumbnail pt-cv-thumb-default\" target=\"_self\" ><\/a>\n<div class=\"pt-cv-taxoterm above_title\"><a href='https:\/\/www.dmsjuridica.com\/buscador_20179478954\/corteconstitucionalcronologico202454587\/category\/buscar-en-toda-la-corte\/2001\/tutelas-2001\/' title='Tutelas 2001' class='pt-cv-tax-tutelas-2001'>Tutelas 2001<\/a><\/div>\n<h4 class=\"pt-cv-title\"><a href=\"https:\/\/www.dmsjuridica.com\/buscador_20179478954\/corteconstitucionalcronologico202454587\/t-374-01\/\" class=\"_self\" target=\"_self\" >T-374-01<\/a><\/h4>\n<div class=\"pt-cv-content\">\u00a0 \u00a0 Sentencia T-374\/01 \u00a0 DERECHOS POLITICOS-Categor\u00eda \u00a0 DERECHO AL DESEMPE\u00d1O DE CARGOS PUBLICOS-Supone derecho a renunciar al cargo\/DERECHO A LA LIBERTAD-Renuncia a un cargo p\u00fablico \u00a0 En punto al derecho a \u201cdesempe\u00f1ar cargos p\u00fablicos\u201d, la obligaci\u00f3n estatal de respeto supone la obligaci\u00f3n del Estado de nombrar a la persona que, de conformidad con la normatividad aplicable, es apta para ocupar el cargo. As\u00ed, trat\u00e1ndose de cargos de elecci\u00f3n, tiene el deber de permitir a la persona elegida que ocupe el cargo. El derecho a ocupar cargos p\u00fablicos supone el derecho a renunciar al cargo, pues constituye desarrollo de la ...<br \/><div class=\"pt-cv-rmwrap\"><a href=\"https:\/\/www.dmsjuridica.com\/buscador_20179478954\/corteconstitucionalcronologico202454587\/t-374-01\/\" class=\"_self pt-cv-readmore btn btn-success\" target=\"_self\">Ver Sentencia Completa...<\/a><\/div><\/div><\/div><\/div>\n<div class=\"col-md-12 col-sm-12 col-xs-12 pt-cv-content-item pt-cv-1-col\" ><div class='pt-cv-ifield'><a href=\"https:\/\/www.dmsjuridica.com\/buscador_20179478954\/corteconstitucionalcronologico202454587\/t-373-01\/\" class=\"_self pt-cv-href-thumbnail pt-cv-thumb-default\" target=\"_self\" ><\/a>\n<div class=\"pt-cv-taxoterm above_title\"><a href='https:\/\/www.dmsjuridica.com\/buscador_20179478954\/corteconstitucionalcronologico202454587\/category\/buscar-en-toda-la-corte\/2001\/tutelas-2001\/' title='Tutelas 2001' class='pt-cv-tax-tutelas-2001'>Tutelas 2001<\/a><\/div>\n<h4 class=\"pt-cv-title\"><a href=\"https:\/\/www.dmsjuridica.com\/buscador_20179478954\/corteconstitucionalcronologico202454587\/t-373-01\/\" class=\"_self\" target=\"_self\" >T-373-01<\/a><\/h4>\n<div class=\"pt-cv-content\">\u00a0 \u00a0 Sentencia T-373\/01 \u00a0 ACTIVIDAD DE MEDIO-Intervenciones m\u00e9dicas\/ACTIVIDAD DE MEDIO-Diligencia, procedencia y cuidado\/DERECHO A LA SALUD-Fundamental por conexidad con la vida \u00a0 Si bien las intervenciones m\u00e9dicas son de medio y no de resultado, es necesario advertir que la responsabilidad respecto de actuaciones de medio, implica que se apoyen de toda la diligencia, prudencia y cuidado, so pena de poner en riesgo irresponsablemente derechos constitucionales fundamentales. Aqu\u00ed indudablemente el derecho a la salud es fundamental en conexidad con el derecho a la vida. \u00a0 ACCION DE TUTELA-Improcedencia declaraci\u00f3n de responsabilidad m\u00e9dica \u00a0 ENTIDAD PROMOTORA DE SALUD-Deficiente prestaci\u00f3n del servicio\/ENTIDAD ...<br \/><div class=\"pt-cv-rmwrap\"><a href=\"https:\/\/www.dmsjuridica.com\/buscador_20179478954\/corteconstitucionalcronologico202454587\/t-373-01\/\" class=\"_self pt-cv-readmore btn btn-success\" target=\"_self\">Ver Sentencia Completa...<\/a><\/div><\/div><\/div><\/div>\n<div class=\"col-md-12 col-sm-12 col-xs-12 pt-cv-content-item pt-cv-1-col\" ><div class='pt-cv-ifield'><a href=\"https:\/\/www.dmsjuridica.com\/buscador_20179478954\/corteconstitucionalcronologico202454587\/t-372-01\/\" class=\"_self pt-cv-href-thumbnail pt-cv-thumb-default\" target=\"_self\" ><\/a>\n<div class=\"pt-cv-taxoterm above_title\"><a href='https:\/\/www.dmsjuridica.com\/buscador_20179478954\/corteconstitucionalcronologico202454587\/category\/buscar-en-toda-la-corte\/2001\/tutelas-2001\/' title='Tutelas 2001' class='pt-cv-tax-tutelas-2001'>Tutelas 2001<\/a><\/div>\n<h4 class=\"pt-cv-title\"><a href=\"https:\/\/www.dmsjuridica.com\/buscador_20179478954\/corteconstitucionalcronologico202454587\/t-372-01\/\" class=\"_self\" target=\"_self\" >T-372-01<\/a><\/h4>\n<div class=\"pt-cv-content\">\u00a0 \u00a0 Sentencia T-372\/01 \u00a0 ACCION DE TUTELA-Naturaleza \u00a0 JUEZ CONSTITUCIONAL-Improcedencia para sustituir a las autoridades en las competencias asignadas por la Constituci\u00f3n Pol\u00edtica \u00a0 GOBIERNO NACIONAL-Formulaci\u00f3n anual del presupuesto y ley de apropiaciones\/JUEZ DE TUTELA-Imposibilidad de modificar presupuesto para incremento salarial de servidores p\u00fablicos \u00a0 ACCION DE TUTELA TRANSITORIA-Improcedencia incremento salarial para servidores p\u00fablicos \u00a0 Reiteraci\u00f3n de Jurisprudencia \u00a0 Referencia: expediente T-399203, T-399204, T-399205, T-399206, T-399213, T-399214, T-399215, T-399219, T-399826, T-399827, T-401780 y T-402327 \u00a0 Acciones de tutela instauradas por F\u00e1tima Beatr\u00edz Garc\u00eda Macias, Maritza Cenith Henr\u00edquez L\u00f3pez, Beatr\u00edz Elena G\u00fcette de Polo, Ruth Marina Fabra Polo, Yolanda Cecilia ...<br \/><div class=\"pt-cv-rmwrap\"><a href=\"https:\/\/www.dmsjuridica.com\/buscador_20179478954\/corteconstitucionalcronologico202454587\/t-372-01\/\" class=\"_self pt-cv-readmore btn btn-success\" target=\"_self\">Ver Sentencia Completa...<\/a><\/div><\/div><\/div><\/div>\n<div class=\"col-md-12 col-sm-12 col-xs-12 pt-cv-content-item pt-cv-1-col\" ><div class='pt-cv-ifield'><a href=\"https:\/\/www.dmsjuridica.com\/buscador_20179478954\/corteconstitucionalcronologico202454587\/t-371-01\/\" class=\"_self pt-cv-href-thumbnail pt-cv-thumb-default\" target=\"_self\" ><\/a>\n<div class=\"pt-cv-taxoterm above_title\"><a href='https:\/\/www.dmsjuridica.com\/buscador_20179478954\/corteconstitucionalcronologico202454587\/category\/buscar-en-toda-la-corte\/2001\/tutelas-2001\/' title='Tutelas 2001' class='pt-cv-tax-tutelas-2001'>Tutelas 2001<\/a><\/div>\n<h4 class=\"pt-cv-title\"><a href=\"https:\/\/www.dmsjuridica.com\/buscador_20179478954\/corteconstitucionalcronologico202454587\/t-371-01\/\" class=\"_self\" target=\"_self\" >T-371-01<\/a><\/h4>\n<div class=\"pt-cv-content\">\u00a0 \u00a0 Sentencia T-371\/01 \u00a0 ACCION DE TUTELA-Hecho superado por pago de acreencias laborales \u00a0 Reiteraci\u00f3n de Jurisprudencia \u00a0 Referencia: expediente T-399557\u00a0 \u00a0 Acci\u00f3n de Tutela incoada por Jos\u00e9 Antonio Alarc\u00f3n contra el Instituto Nacional de Adecuaci\u00f3n de Tierras \u201cINAT\u201d. \u00a0 Magistrado Ponente:\u00a0 \u00a0 Dr. RODRIGO ESCOBAR GIL \u00a0 Bogot\u00e1 D.C., abril cinco (5) de dos mil uno (2001). \u00a0 La Sala Quinta de Revisi\u00f3n de Tutelas de la Corte Constitucional, en ejercicio de sus competencias constitucionales y legales, ha proferido la siguiente, \u00a0 SENTENCIA \u00a0 dentro del proceso de revisi\u00f3n de las sentencias proferidas el 11 de septiembre de ...<br \/><div class=\"pt-cv-rmwrap\"><a href=\"https:\/\/www.dmsjuridica.com\/buscador_20179478954\/corteconstitucionalcronologico202454587\/t-371-01\/\" class=\"_self pt-cv-readmore btn btn-success\" target=\"_self\">Ver Sentencia Completa...<\/a><\/div><\/div><\/div><\/div>\n<div class=\"col-md-12 col-sm-12 col-xs-12 pt-cv-content-item pt-cv-1-col\" ><div class='pt-cv-ifield'><a href=\"https:\/\/www.dmsjuridica.com\/buscador_20179478954\/corteconstitucionalcronologico202454587\/t-370-01\/\" class=\"_self pt-cv-href-thumbnail pt-cv-thumb-default\" target=\"_self\" ><\/a>\n<div class=\"pt-cv-taxoterm above_title\"><a href='https:\/\/www.dmsjuridica.com\/buscador_20179478954\/corteconstitucionalcronologico202454587\/category\/buscar-en-toda-la-corte\/2001\/tutelas-2001\/' title='Tutelas 2001' class='pt-cv-tax-tutelas-2001'>Tutelas 2001<\/a><\/div>\n<h4 class=\"pt-cv-title\"><a href=\"https:\/\/www.dmsjuridica.com\/buscador_20179478954\/corteconstitucionalcronologico202454587\/t-370-01\/\" class=\"_self\" target=\"_self\" >T-370-01<\/a><\/h4>\n<div class=\"pt-cv-content\">\u00a0 \u00a0 Sentencia T-370\/01 \u00a0 ACCION DE TUTELA-Procedencia excepcional pago de acreencias laborales\/DERECHO AL MINIMO VITAL DEL TRABAJADOR-Pago oportuno de salarios \u00a0 Referencia: expediente T-403418 \u00a0 Acci\u00f3n de tutela instaurada por Martha Teresa Clavijo Garc\u00eda contra la Fundaci\u00f3n San Juan de Dios. \u00a0 Magistrado Ponente: \u00a0 Dr. JAIME C\u00d3RDOBA TRIVI\u00d1O \u00a0 Bogot\u00e1, D.C., cinco (5) de abril de dos mil uno (2001). \u00a0 La Sala Cuarta de Revisi\u00f3n de la Corte Constitucional, en ejercicio de sus competencias constitucionales y legales, en particular las previstas contenidas en los art\u00edculos 86 y 241, numeral 9, de la Constituci\u00f3n y en el Decreto ...<br \/><div class=\"pt-cv-rmwrap\"><a href=\"https:\/\/www.dmsjuridica.com\/buscador_20179478954\/corteconstitucionalcronologico202454587\/t-370-01\/\" class=\"_self pt-cv-readmore btn btn-success\" target=\"_self\">Ver Sentencia Completa...<\/a><\/div><\/div><\/div><\/div>\n<div class=\"col-md-12 col-sm-12 col-xs-12 pt-cv-content-item pt-cv-1-col\" ><div class='pt-cv-ifield'><a href=\"https:\/\/www.dmsjuridica.com\/buscador_20179478954\/corteconstitucionalcronologico202454587\/t-369-01\/\" class=\"_self pt-cv-href-thumbnail pt-cv-thumb-default\" target=\"_self\" ><\/a>\n<div class=\"pt-cv-taxoterm above_title\"><a href='https:\/\/www.dmsjuridica.com\/buscador_20179478954\/corteconstitucionalcronologico202454587\/category\/buscar-en-toda-la-corte\/2001\/tutelas-2001\/' title='Tutelas 2001' class='pt-cv-tax-tutelas-2001'>Tutelas 2001<\/a><\/div>\n<h4 class=\"pt-cv-title\"><a href=\"https:\/\/www.dmsjuridica.com\/buscador_20179478954\/corteconstitucionalcronologico202454587\/t-369-01\/\" class=\"_self\" target=\"_self\" >T-369-01<\/a><\/h4>\n<div class=\"pt-cv-content\">ACCION DE TUTELA-Improcedencia contra derecho inexistente y del cual no es titular\/PENSION DE JUBILACION-Requisitos incompletos \u00a0 Las circunstancias f\u00e1cticas que rodean la tutela objeto de revisi\u00f3n se\u00f1alan claramente que el actor no es a\u00fan titular del derecho a la pensi\u00f3n que reclama como no pagada desde el mes de septiembre de 1999, pues si bien ya cumpli\u00f3 con uno de los requisitos que dar\u00eda paso al reconocimiento de tal derecho, como es el de haber prestado sus servicios por el tiempo estipulado, no ha cumplido a\u00fan con el otro requisito, cual es el de tener la edad m\u00ednima exigida, que ...<br \/><div class=\"pt-cv-rmwrap\"><a href=\"https:\/\/www.dmsjuridica.com\/buscador_20179478954\/corteconstitucionalcronologico202454587\/t-369-01\/\" class=\"_self pt-cv-readmore btn btn-success\" target=\"_self\">Ver Sentencia Completa...<\/a><\/div><\/div><\/div><\/div>\n<div class=\"col-md-12 col-sm-12 col-xs-12 pt-cv-content-item pt-cv-1-col\" ><div class='pt-cv-ifield'><a href=\"https:\/\/www.dmsjuridica.com\/buscador_20179478954\/corteconstitucionalcronologico202454587\/t-368-01\/\" class=\"_self pt-cv-href-thumbnail pt-cv-thumb-default\" target=\"_self\" ><\/a>\n<div class=\"pt-cv-taxoterm above_title\"><a href='https:\/\/www.dmsjuridica.com\/buscador_20179478954\/corteconstitucionalcronologico202454587\/category\/buscar-en-toda-la-corte\/2001\/tutelas-2001\/' title='Tutelas 2001' class='pt-cv-tax-tutelas-2001'>Tutelas 2001<\/a><\/div>\n<h4 class=\"pt-cv-title\"><a href=\"https:\/\/www.dmsjuridica.com\/buscador_20179478954\/corteconstitucionalcronologico202454587\/t-368-01\/\" class=\"_self\" target=\"_self\" >T-368-01<\/a><\/h4>\n<div class=\"pt-cv-content\">\u00a0 \u00a0 Sentencia T-368\/01 \u00a0 ACCION DE TUTELA-Procedencia excepcional pago de mesadas pensionales\/DERECHO AL MINIMO VITAL DEL PENSIONADO-Pago oportuno \u00a0de mesadas \u00a0 DERECHO AL MINIMO VITAL-Prueba de la amenaza \u00a0 Referencia: expedientes T-397334, T-397335, T-397351 y T-396635. \u00a0 Actores: Sofanor Granadillo Carrillo, Candida Rosa Cervantes de Guti\u00e9rrez, Auxilio Hern\u00e1ndez Cepeda y Octavio L\u00f3pez Cepeda. \u00a0 Magistrado Ponente:\u00a0 \u00a0 Dr. MARCO GERARDO MONROY CABRA \u00a0 Bogot\u00e1 D.C., cuatro (4) de abril de dos mil uno (2001) \u00a0 La Sala Sexta de la Corte Constitucional, integrada por los Magistrados doctores, Eduardo Montealegre Lynet, Alvaro Tafur Galvis y Marco Gerardo Monroy, quien la ...<br \/><div class=\"pt-cv-rmwrap\"><a href=\"https:\/\/www.dmsjuridica.com\/buscador_20179478954\/corteconstitucionalcronologico202454587\/t-368-01\/\" class=\"_self pt-cv-readmore btn btn-success\" target=\"_self\">Ver Sentencia Completa...<\/a><\/div><\/div><\/div><\/div>\n<div class=\"col-md-12 col-sm-12 col-xs-12 pt-cv-content-item pt-cv-1-col\" ><div class='pt-cv-ifield'><a href=\"https:\/\/www.dmsjuridica.com\/buscador_20179478954\/corteconstitucionalcronologico202454587\/t-367-01\/\" class=\"_self pt-cv-href-thumbnail pt-cv-thumb-default\" target=\"_self\" ><\/a>\n<div class=\"pt-cv-taxoterm above_title\"><a href='https:\/\/www.dmsjuridica.com\/buscador_20179478954\/corteconstitucionalcronologico202454587\/category\/buscar-en-toda-la-corte\/2001\/tutelas-2001\/' title='Tutelas 2001' class='pt-cv-tax-tutelas-2001'>Tutelas 2001<\/a><\/div>\n<h4 class=\"pt-cv-title\"><a href=\"https:\/\/www.dmsjuridica.com\/buscador_20179478954\/corteconstitucionalcronologico202454587\/t-367-01\/\" class=\"_self\" target=\"_self\" >T-367-01<\/a><\/h4>\n<div class=\"pt-cv-content\">MUJER EMBARAZADA-Protecci\u00f3n constitucional especial \u00a0 DERECHO A LA ESTABILIDAD LABORAL REFORZADA DE MUJER EMBARAZADA-Elementos f\u00e1cticos que deben demostrarse \u00a0 MUJER TRABAJADORA EMBARAZADA-Necesidad de comunicaci\u00f3n oportuna y causalidad entre despido y estado de gravidez \u00a0 \u00a0 \u00a0 \u00a0 \u00a0\u00a0 \u00a0 Reiteraci\u00f3n de Jurisprudencia \u00a0 Referencia: expediente T- 399 739 \u00a0 Acci\u00f3n de tutela instaurada por Matilde Ni\u00f1o Sarmiento contra la Pasteler\u00eda Cyrano Ltda. \u00a0 Magistrado Ponente: \u00a0 Dr. JAIME ARA\u00daJO RENTER\u00cdA \u00a0 Bogot\u00e1, D.C., tres (3) de abril de dos mil uno (2001). \u00a0 La Sala Primera de Revisi\u00f3n de la Corte Constitucional, en ejercicio de sus competencias constitucionales y legales, ...<br \/><div class=\"pt-cv-rmwrap\"><a href=\"https:\/\/www.dmsjuridica.com\/buscador_20179478954\/corteconstitucionalcronologico202454587\/t-367-01\/\" class=\"_self pt-cv-readmore btn btn-success\" target=\"_self\">Ver Sentencia Completa...<\/a><\/div><\/div><\/div><\/div>\n<div class=\"col-md-12 col-sm-12 col-xs-12 pt-cv-content-item pt-cv-1-col\" ><div class='pt-cv-ifield'><a href=\"https:\/\/www.dmsjuridica.com\/buscador_20179478954\/corteconstitucionalcronologico202454587\/t-360-01\/\" class=\"_self pt-cv-href-thumbnail pt-cv-thumb-default\" target=\"_self\" ><\/a>\n<div class=\"pt-cv-taxoterm above_title\"><a href='https:\/\/www.dmsjuridica.com\/buscador_20179478954\/corteconstitucionalcronologico202454587\/category\/buscar-en-toda-la-corte\/2001\/tutelas-2001\/' title='Tutelas 2001' class='pt-cv-tax-tutelas-2001'>Tutelas 2001<\/a><\/div>\n<h4 class=\"pt-cv-title\"><a href=\"https:\/\/www.dmsjuridica.com\/buscador_20179478954\/corteconstitucionalcronologico202454587\/t-360-01\/\" class=\"_self\" target=\"_self\" >T-360-01<\/a><\/h4>\n<div class=\"pt-cv-content\">\u00a0 \u00a0 Sentencia T-360\/01 \u00a0 ENTIDAD PROMOTORA DE SALUD-Continuidad servicio de salud\/EMPLEADOR-Asunci\u00f3n de responsabilidad por no pago de aportes\/ENTIDAD PROMOTORA DE SALUD-Repetici\u00f3n contra el FOSYGA \u00a0 DERECHO A LA SALUD DE PERSONA DE LA TERCERA EDAD-Tratamiento de diabetes e hipertensi\u00f3n \u00a0 Reiteraci\u00f3n de Jurisprudencia \u00a0 Referencia: expediente T-425074 \u00a0 Peticionario: Rafael Angel Mej\u00eda Arango \u00a0 Magistrado Ponente:\u00a0 \u00a0 Dr. ALFREDO BELTR\u00c1N SIERRA. \u00a0 Bogot\u00e1, D.C., abril dos (2) de dos mil uno (2001). \u00a0 La Sala Segunda de Revisi\u00f3n de la Corte Constitucional, integrada por los magistrados, Alfredo Beltr\u00e1n Sierra, Manuel Jos\u00e9 Cepeda Espinosa y Jaime C\u00f3rdoba Trivi\u00f1o, en ejercicio ...<br \/><div class=\"pt-cv-rmwrap\"><a href=\"https:\/\/www.dmsjuridica.com\/buscador_20179478954\/corteconstitucionalcronologico202454587\/t-360-01\/\" class=\"_self pt-cv-readmore btn btn-success\" target=\"_self\">Ver Sentencia Completa...<\/a><\/div><\/div><\/div><\/div>\n<div class=\"col-md-12 col-sm-12 col-xs-12 pt-cv-content-item pt-cv-1-col\" ><div class='pt-cv-ifield'><a href=\"https:\/\/www.dmsjuridica.com\/buscador_20179478954\/corteconstitucionalcronologico202454587\/t-359-01\/\" class=\"_self pt-cv-href-thumbnail pt-cv-thumb-default\" target=\"_self\" ><\/a>\n<div class=\"pt-cv-taxoterm above_title\"><a href='https:\/\/www.dmsjuridica.com\/buscador_20179478954\/corteconstitucionalcronologico202454587\/category\/buscar-en-toda-la-corte\/2001\/tutelas-2001\/' title='Tutelas 2001' class='pt-cv-tax-tutelas-2001'>Tutelas 2001<\/a><\/div>\n<h4 class=\"pt-cv-title\"><a href=\"https:\/\/www.dmsjuridica.com\/buscador_20179478954\/corteconstitucionalcronologico202454587\/t-359-01\/\" class=\"_self\" target=\"_self\" >T-359-01<\/a><\/h4>\n<div class=\"pt-cv-content\">\u00a0 \u00a0 Sentencia T-359\/01 \u00a0 ACCION DE TUTELA-Improcedencia respecto de inasistencia de profesor a evento social de colegio \u00a0 Referencia: expediente T-424709 \u00a0 Peticionario: Alberto Alfonso Ram\u00edrez Amaya \u00a0 Dr. ALFREDO BELTR\u00c1N SIERRA. \u00a0 Bogot\u00e1, D.C., \u00a0dos (2) de abril del a\u00f1o dos mil uno (2001). \u00a0 La Sala Segunda de Revisi\u00f3n de la Corte Constitucional, integrada por los magistrados, Alfredo Beltr\u00e1n Sierra, Manuel Jos\u00e9 Cepeda Espinosa y Jaime C\u00f3rdoba Trivi\u00f1o, en ejercicio de sus competencias constitucionales y legales, ha proferido la siguiente : \u00a0 SENTENCIA \u00a0 El expediente lleg\u00f3 a la Corte Constitucional, por remisi\u00f3n que se hizo en ...<br \/><div class=\"pt-cv-rmwrap\"><a href=\"https:\/\/www.dmsjuridica.com\/buscador_20179478954\/corteconstitucionalcronologico202454587\/t-359-01\/\" class=\"_self pt-cv-readmore btn btn-success\" target=\"_self\">Ver Sentencia Completa...<\/a><\/div><\/div><\/div><\/div>\n<div class=\"col-md-12 col-sm-12 col-xs-12 pt-cv-content-item pt-cv-1-col\" ><div class='pt-cv-ifield'><a href=\"https:\/\/www.dmsjuridica.com\/buscador_20179478954\/corteconstitucionalcronologico202454587\/t-358-01\/\" class=\"_self pt-cv-href-thumbnail pt-cv-thumb-default\" target=\"_self\" ><\/a>\n<div class=\"pt-cv-taxoterm above_title\"><a href='https:\/\/www.dmsjuridica.com\/buscador_20179478954\/corteconstitucionalcronologico202454587\/category\/buscar-en-toda-la-corte\/2001\/tutelas-2001\/' title='Tutelas 2001' class='pt-cv-tax-tutelas-2001'>Tutelas 2001<\/a><\/div>\n<h4 class=\"pt-cv-title\"><a href=\"https:\/\/www.dmsjuridica.com\/buscador_20179478954\/corteconstitucionalcronologico202454587\/t-358-01\/\" class=\"_self\" target=\"_self\" >T-358-01<\/a><\/h4>\n<div class=\"pt-cv-content\">\u00a0 \u00a0 Sentencia T-358\/01 \u00a0 \u00a0 DERECHOS FUNDAMENTALES DEL INTERNO-Deben garantizarse independientemente del car\u00e1cter de sindicado o condenado \u00a0 DERECHOS FUNDAMENTALES DEL INTERNO-Indefensi\u00f3n \u00a0 DERECHO A LA SALUD DEL INTERNO-Autorizaci\u00f3n de ex\u00e1menes m\u00e9dicos dependiendo de si es sindicado o condenado \u00a0 Referencia: expediente T-422.903 \u00a0 Acci\u00f3n de tutela instaurada por Rub\u00e9n Camargo Castro contra el Instituto Penitenciario y Carcelario, Penitenciar\u00eda Nacional de C\u00facuta. \u00a0 Magistrado Ponente:\u00a0 \u00a0 Dr. ALFREDO BELTR\u00c1N SIERRA. \u00a0 Bogot\u00e1, D.C., dos (2) de abril del a\u00f1o dos mil uno (2001). \u00a0 La Sala Segunda de Revisi\u00f3n de la Corte Constitucional, en ejercicio de sus competencias constitucionales ...<br \/><div class=\"pt-cv-rmwrap\"><a href=\"https:\/\/www.dmsjuridica.com\/buscador_20179478954\/corteconstitucionalcronologico202454587\/t-358-01\/\" class=\"_self pt-cv-readmore btn btn-success\" target=\"_self\">Ver Sentencia Completa...<\/a><\/div><\/div><\/div><\/div>\n<div class=\"col-md-12 col-sm-12 col-xs-12 pt-cv-content-item pt-cv-1-col\" ><div class='pt-cv-ifield'><a href=\"https:\/\/www.dmsjuridica.com\/buscador_20179478954\/corteconstitucionalcronologico202454587\/t-357-01\/\" class=\"_self pt-cv-href-thumbnail pt-cv-thumb-default\" target=\"_self\" ><\/a>\n<div class=\"pt-cv-taxoterm above_title\"><a href='https:\/\/www.dmsjuridica.com\/buscador_20179478954\/corteconstitucionalcronologico202454587\/category\/buscar-en-toda-la-corte\/2001\/tutelas-2001\/' title='Tutelas 2001' class='pt-cv-tax-tutelas-2001'>Tutelas 2001<\/a><\/div>\n<h4 class=\"pt-cv-title\"><a href=\"https:\/\/www.dmsjuridica.com\/buscador_20179478954\/corteconstitucionalcronologico202454587\/t-357-01\/\" class=\"_self\" target=\"_self\" >T-357-01<\/a><\/h4>\n<div class=\"pt-cv-content\">\u00a0 \u00a0 Sentencia T-357\/01 \u00a0 ACCION DE TUTELA-Procedencia excepcional pago de acreencias laborales \u00a0 DERECHO AL MINIMO VITAL DEL TRABAJADOR-Presunci\u00f3n de afectaci\u00f3n por ausencia prolongada en pago de salarios \u00a0 Reiteraci\u00f3n de jurisprudencia \u00a0 \u00a0 Referencia: expediente T-400395 \u00a0 Acci\u00f3n de tutela instaurada por Germ\u00e1n Saavedra Palomeque contra el Gerente del Hospital Santa Ana de Bol\u00edvar (Valle). \u00a0 Magistrado Ponente:\u00a0 \u00a0 Dr. MANUEL JOS\u00c9 CEPEDA ESPINOSA \u00a0 Bogot\u00e1, D.C., treinta (30) de marzo de dos mil uno (2001) \u00a0 La Sala Tercera de Revisi\u00f3n de la Corte Constitucional, integrada por los magistrados, Manuel Jos\u00e9 Cepeda Espinosa, Jaime C\u00f3rdoba Trivi\u00f1o y ...<br \/><div class=\"pt-cv-rmwrap\"><a href=\"https:\/\/www.dmsjuridica.com\/buscador_20179478954\/corteconstitucionalcronologico202454587\/t-357-01\/\" class=\"_self pt-cv-readmore btn btn-success\" target=\"_self\">Ver Sentencia Completa...<\/a><\/div><\/div><\/div><\/div>\n<div class=\"col-md-12 col-sm-12 col-xs-12 pt-cv-content-item pt-cv-1-col\" ><div class='pt-cv-ifield'><a href=\"https:\/\/www.dmsjuridica.com\/buscador_20179478954\/corteconstitucionalcronologico202454587\/t-356-01\/\" class=\"_self pt-cv-href-thumbnail pt-cv-thumb-default\" target=\"_self\" ><\/a>\n<div class=\"pt-cv-taxoterm above_title\"><a href='https:\/\/www.dmsjuridica.com\/buscador_20179478954\/corteconstitucionalcronologico202454587\/category\/buscar-en-toda-la-corte\/2001\/tutelas-2001\/' title='Tutelas 2001' class='pt-cv-tax-tutelas-2001'>Tutelas 2001<\/a><\/div>\n<h4 class=\"pt-cv-title\"><a href=\"https:\/\/www.dmsjuridica.com\/buscador_20179478954\/corteconstitucionalcronologico202454587\/t-356-01\/\" class=\"_self\" target=\"_self\" >T-356-01<\/a><\/h4>\n<div class=\"pt-cv-content\">\u00a0 \u00a0 Sentencia T-356\/01 \u00a0 DERECHO A LA EDUCACION DEL NI\u00d1O-Fundamental \u00a0 DERECHO A LA EDUCACION DEL NI\u00d1O-Prohibici\u00f3n de retiro de clases por no pago de pensi\u00f3n \u00a0 EDUCACION-Derecho deber \u00a0 DERECHO A LA EDUCACION-No interrupci\u00f3n de estudios por no pago de pensi\u00f3n \u00a0 DERECHO A LA EDUCACION DEL NI\u00d1O-No se puede interrumpir arbitrariamente as\u00ed est\u00e9 en preescolar\/ACCESO Y PERMANENCIA EN EL SISTEMA EDUCATIVO-Diferencias \u00a0 DERECHO Y OBLIGATORIEDAD DE LA EDUCACION-Diferencias \u00a0 Referencia: expediente T-397795 \u00a0 Temas: \u00a0 Derecho a la educaci\u00f3n en preescolar. \u00a0 Distinci\u00f3n entre el derecho a la educaci\u00f3n y la obligatoriedad de la educaci\u00f3n. \u00a0 Distinci\u00f3n ...<br \/><div class=\"pt-cv-rmwrap\"><a href=\"https:\/\/www.dmsjuridica.com\/buscador_20179478954\/corteconstitucionalcronologico202454587\/t-356-01\/\" class=\"_self pt-cv-readmore btn btn-success\" target=\"_self\">Ver Sentencia Completa...<\/a><\/div><\/div><\/div><\/div>\n<div class=\"col-md-12 col-sm-12 col-xs-12 pt-cv-content-item pt-cv-1-col\" ><div class='pt-cv-ifield'><a href=\"https:\/\/www.dmsjuridica.com\/buscador_20179478954\/corteconstitucionalcronologico202454587\/t-355-01\/\" class=\"_self pt-cv-href-thumbnail pt-cv-thumb-default\" target=\"_self\" ><\/a>\n<div class=\"pt-cv-taxoterm above_title\"><a href='https:\/\/www.dmsjuridica.com\/buscador_20179478954\/corteconstitucionalcronologico202454587\/category\/buscar-en-toda-la-corte\/2001\/tutelas-2001\/' title='Tutelas 2001' class='pt-cv-tax-tutelas-2001'>Tutelas 2001<\/a><\/div>\n<h4 class=\"pt-cv-title\"><a href=\"https:\/\/www.dmsjuridica.com\/buscador_20179478954\/corteconstitucionalcronologico202454587\/t-355-01\/\" class=\"_self\" target=\"_self\" >T-355-01<\/a><\/h4>\n<div class=\"pt-cv-content\">\u00a0 \u00a0 Sentencia T-355\/01 \u00a0 ACCION DE TUTELA INTERPUESTA POR MENOR \u00a0 DERECHO A LA SALUD DEL NI\u00d1O-Fundamental prevalente \u00a0 REGIMEN SUBSIDIADO DE SEGURIDAD SOCIAL-Naturaleza \u00a0 PRINCIPIO DE EFICACIA DE LA SEGURIDAD SOCIAL-Prestaci\u00f3n del servicio m\u00e9dico \u00a0 Reiteraci\u00f3n de jurisprudencia \u00a0 Referencia: expediente T-393456 \u00a0 Acci\u00f3n de tutela instaurada por Jennifer Paniagua Rubio contra UNIMEC E.P.S. \u00a0 Magistrado Ponente: \u00a0 Dr. ALVARO TAFUR GALVIS\u00a0 \u00a0 La Sala Octava de Revisi\u00f3n de la Corte Constitucional, en ejercicio de sus competencias constitucionales y legales, en especial las previstas en los art\u00edculos 86 y 241-9 de la Carta Pol\u00edtica y en el Decreto ...<br \/><div class=\"pt-cv-rmwrap\"><a href=\"https:\/\/www.dmsjuridica.com\/buscador_20179478954\/corteconstitucionalcronologico202454587\/t-355-01\/\" class=\"_self pt-cv-readmore btn btn-success\" target=\"_self\">Ver Sentencia Completa...<\/a><\/div><\/div><\/div><\/div>\n<div class=\"col-md-12 col-sm-12 col-xs-12 pt-cv-content-item pt-cv-1-col\" ><div class='pt-cv-ifield'><a href=\"https:\/\/www.dmsjuridica.com\/buscador_20179478954\/corteconstitucionalcronologico202454587\/t-353-01\/\" class=\"_self pt-cv-href-thumbnail pt-cv-thumb-default\" target=\"_self\" ><\/a>\n<div class=\"pt-cv-taxoterm above_title\"><a href='https:\/\/www.dmsjuridica.com\/buscador_20179478954\/corteconstitucionalcronologico202454587\/category\/buscar-en-toda-la-corte\/2001\/tutelas-2001\/' title='Tutelas 2001' class='pt-cv-tax-tutelas-2001'>Tutelas 2001<\/a><\/div>\n<h4 class=\"pt-cv-title\"><a href=\"https:\/\/www.dmsjuridica.com\/buscador_20179478954\/corteconstitucionalcronologico202454587\/t-353-01\/\" class=\"_self\" target=\"_self\" >T-353-01<\/a><\/h4>\n<div class=\"pt-cv-content\">\u00a0 \u00a0 Sentencia T-353\/01 \u00a0 ACCION DE TUTELA CONTRA PARTICULARES-Subordinaci\u00f3n \u00a0 ACCION DE TUTELA-Procedencia excepcional pago de acreencias laborales \u00a0 DERECHO AL PAGO OPORTUNO DEL SALARIO-Fundamental \u00a0 Reiteraci\u00f3n de Jurisprudencia \u00a0 Referencia: expediente T-394346 \u00a0 Acci\u00f3n de tutela instaurada por Luis Eduardo Garc\u00eda Garc\u00eda contra la Cooperativa de Municipalidades de Caldas COOMUNICALDAS Ltda. \u00a0 Magistrado Ponente: \u00a0 Dr. RODRIGO ESCOBAR GIL \u00a0 Bogot\u00e1 D.C., a los treinta (30) d\u00edas del mes de marzo de dos mil uno (2001). \u00a0 La Sala Quinta de Revisi\u00f3n de la Corte Constitucional, integrada por los Magistrados MARCO GERARDO MONROY CABRA, EDUARDO MONTEALEGRE LYNETT Y ...<br \/><div class=\"pt-cv-rmwrap\"><a href=\"https:\/\/www.dmsjuridica.com\/buscador_20179478954\/corteconstitucionalcronologico202454587\/t-353-01\/\" class=\"_self pt-cv-readmore btn btn-success\" target=\"_self\">Ver Sentencia Completa...<\/a><\/div><\/div><\/div><\/div>\n<div class=\"col-md-12 col-sm-12 col-xs-12 pt-cv-content-item pt-cv-1-col\" ><div class='pt-cv-ifield'><a href=\"https:\/\/www.dmsjuridica.com\/buscador_20179478954\/corteconstitucionalcronologico202454587\/t-352-01\/\" class=\"_self pt-cv-href-thumbnail pt-cv-thumb-default\" target=\"_self\" ><\/a>\n<div class=\"pt-cv-taxoterm above_title\"><a href='https:\/\/www.dmsjuridica.com\/buscador_20179478954\/corteconstitucionalcronologico202454587\/category\/buscar-en-toda-la-corte\/2001\/tutelas-2001\/' title='Tutelas 2001' class='pt-cv-tax-tutelas-2001'>Tutelas 2001<\/a><\/div>\n<h4 class=\"pt-cv-title\"><a href=\"https:\/\/www.dmsjuridica.com\/buscador_20179478954\/corteconstitucionalcronologico202454587\/t-352-01\/\" class=\"_self\" target=\"_self\" >T-352-01<\/a><\/h4>\n<div class=\"pt-cv-content\">\u00a0 \u00a0 Sentencia T-352\/01 \u00a0 MUJER EMBARAZADA-Protecci\u00f3n constitucional especial \u00a0 MUJER TRABAJADORA EMBARAZADA-Informaci\u00f3n oportuna al empleador sobre su estado \u00a0 MUJER TRABAJADORA EMBARAZADA-Necesidad de comunicaci\u00f3n oportuna y causalidad entre despido y estado de gravidez \u00a0 Referencia: expediente T-420.559 \u00a0 Acci\u00f3n de tutela instaurada por M\u00f3nica Pilar Robles Contreras contra el Hospital de San Jos\u00e9, Sociedad de Cirug\u00eda de Bogot\u00e1. \u00a0 Magistrado Ponente: \u00a0 Dr. ALFREDO BELTR\u00c1N SIERRA. \u00a0 Bogot\u00e1, D.C., veintinueve (29) de marzo de dos mil uno (2001). \u00a0 La Sala Segunda de Revisi\u00f3n de la Corte Constitucional, en ejercicio de sus competencias constitucionales y legales, ha proferido la ...<br \/><div class=\"pt-cv-rmwrap\"><a href=\"https:\/\/www.dmsjuridica.com\/buscador_20179478954\/corteconstitucionalcronologico202454587\/t-352-01\/\" class=\"_self pt-cv-readmore btn btn-success\" target=\"_self\">Ver Sentencia Completa...<\/a><\/div><\/div><\/div><\/div>\n<div class=\"col-md-12 col-sm-12 col-xs-12 pt-cv-content-item pt-cv-1-col\" ><div class='pt-cv-ifield'><a href=\"https:\/\/www.dmsjuridica.com\/buscador_20179478954\/corteconstitucionalcronologico202454587\/t-351-01\/\" class=\"_self pt-cv-href-thumbnail pt-cv-thumb-default\" target=\"_self\" ><\/a>\n<div class=\"pt-cv-taxoterm above_title\"><a href='https:\/\/www.dmsjuridica.com\/buscador_20179478954\/corteconstitucionalcronologico202454587\/category\/buscar-en-toda-la-corte\/2001\/tutelas-2001\/' title='Tutelas 2001' class='pt-cv-tax-tutelas-2001'>Tutelas 2001<\/a><\/div>\n<h4 class=\"pt-cv-title\"><a href=\"https:\/\/www.dmsjuridica.com\/buscador_20179478954\/corteconstitucionalcronologico202454587\/t-351-01\/\" class=\"_self\" target=\"_self\" >T-351-01<\/a><\/h4>\n<div class=\"pt-cv-content\">\u00a0 \u00a0 Sentencia T-351\/01 \u00a0 ACCION DE TUTELA-Improcedencia pago de honorarios derivados de contrato de prestaci\u00f3n de servicios \u00a0 EMPLEADOR-Situaci\u00f3n econ\u00f3mica o presupuestal no es \u00f3bice para desconocer pago de salarios \u00a0 ESTABLECIMIENTO HOSPITALARIO-Pago oportuno de salarios\/PARTIDA PRESUPUESTAL-Ejecuci\u00f3n o apropiaci\u00f3n para pago de salarios \u00a0 Referencia: expedientes T-375480, T-375906 y T-375908.\u00a0 \u00a0 Acciones de tutela de Carolina Sierra Navarro, Luz Angela Galindo Arag\u00f3n y Wilson Borja Bocanegra en contra del Hospital Federico Lleras Acosta de Ibagu\u00e9 -Tolima-. E.S.E.\u00a0 \u00a0 Procedencia: \u00a0Juzgado 2 Civil del Circuito de Ibagu\u00e9, y Tribunal Administrativo del Tolima.\u00a0 \u00a0 Dr. ALFREDO BELTR\u00c1N SIERRA \u00a0 Sentencia aprobada ...<br \/><div class=\"pt-cv-rmwrap\"><a href=\"https:\/\/www.dmsjuridica.com\/buscador_20179478954\/corteconstitucionalcronologico202454587\/t-351-01\/\" class=\"_self pt-cv-readmore btn btn-success\" target=\"_self\">Ver Sentencia Completa...<\/a><\/div><\/div><\/div><\/div>\n<div class=\"col-md-12 col-sm-12 col-xs-12 pt-cv-content-item pt-cv-1-col\" ><div class='pt-cv-ifield'><a href=\"https:\/\/www.dmsjuridica.com\/buscador_20179478954\/corteconstitucionalcronologico202454587\/t-350-01\/\" class=\"_self pt-cv-href-thumbnail pt-cv-thumb-default\" target=\"_self\" ><\/a>\n<div class=\"pt-cv-taxoterm above_title\"><a href='https:\/\/www.dmsjuridica.com\/buscador_20179478954\/corteconstitucionalcronologico202454587\/category\/buscar-en-toda-la-corte\/2001\/tutelas-2001\/' title='Tutelas 2001' class='pt-cv-tax-tutelas-2001'>Tutelas 2001<\/a><\/div>\n<h4 class=\"pt-cv-title\"><a href=\"https:\/\/www.dmsjuridica.com\/buscador_20179478954\/corteconstitucionalcronologico202454587\/t-350-01\/\" class=\"_self\" target=\"_self\" >T-350-01<\/a><\/h4>\n<div class=\"pt-cv-content\">\u00a0 \u00a0 Sentencia T-350\/01 \u00a0 MEDIO DE DEFENSA JUDICIAL-Controversias sobre afiliaci\u00f3n de menor a EPS \u00a0 ACCION DE TUTELA-Inexistencia de perjuicio irremediable \u00a0 Referencia: expediente T-379651 \u00a0 Accionante: Leonor Torres Zorrilla. \u00a0 Demandado: Comfenalco E.P.S Valle. \u00a0 \u00a0 \u00a0 Tema: Negativa a afiliar menor de edad por mora en el pago. \u00a0 Magistrado Ponente: \u00a0 Dr. RODRIGO ESCOBAR GIL \u00a0 Bogot\u00e1, D.C., treinta de marzo (30) de dos mil uno (2001) \u00a0 La Sala Quinta de Revisi\u00f3n de la Corte Constitucional, integrada por los Magistrados Marco Gerardo Monroy Cabra, Eduardo Montealegre Lynett y Rodrigo Escobar Gil, quien la preside, en ...<br \/><div class=\"pt-cv-rmwrap\"><a href=\"https:\/\/www.dmsjuridica.com\/buscador_20179478954\/corteconstitucionalcronologico202454587\/t-350-01\/\" class=\"_self pt-cv-readmore btn btn-success\" target=\"_self\">Ver Sentencia Completa...<\/a><\/div><\/div><\/div><\/div>\n<div class=\"col-md-12 col-sm-12 col-xs-12 pt-cv-content-item pt-cv-1-col\" ><div class='pt-cv-ifield'><a href=\"https:\/\/www.dmsjuridica.com\/buscador_20179478954\/corteconstitucionalcronologico202454587\/t-349-01\/\" class=\"_self pt-cv-href-thumbnail pt-cv-thumb-default\" target=\"_self\" ><\/a>\n<div class=\"pt-cv-taxoterm above_title\"><a href='https:\/\/www.dmsjuridica.com\/buscador_20179478954\/corteconstitucionalcronologico202454587\/category\/buscar-en-toda-la-corte\/2001\/tutelas-2001\/' title='Tutelas 2001' class='pt-cv-tax-tutelas-2001'>Tutelas 2001<\/a><\/div>\n<h4 class=\"pt-cv-title\"><a href=\"https:\/\/www.dmsjuridica.com\/buscador_20179478954\/corteconstitucionalcronologico202454587\/t-349-01\/\" class=\"_self\" target=\"_self\" >T-349-01<\/a><\/h4>\n<div class=\"pt-cv-content\">\u00a0 \u00a0 Sentencia T-349\/01 \u00a0 ACCION DE TUTELA-Procedencia excepcional pago de salarios \u00a0 DERECHO AL MINIMO VITAL DEL TRABAJADOR-Presunci\u00f3n de afectaci\u00f3n por ausencia prolongada en pago de salarios \u00a0 -Reiteraci\u00f3n de Jurisprudencia- \u00a0 Referencia: expediente T-401740 \u00a0 Acci\u00f3n de tutela instaurada por Sandra Patricia Gonz\u00e1lez Manrique contra la entidad Creasalud. \u00a0 Magistrado Ponente: \u00a0 Dr. JAIME ARAUJO RENTER\u00cdA. \u00a0 Bogot\u00e1 D. C., a los treinta (30) d\u00edas del mes de marzo del a\u00f1o dos mil uno (2001). \u00a0 La Sala Primera de Revisi\u00f3n de la Corte Constitucional, en ejercicio de sus competencias constitucionales y legales, en particular las contenidas en ...<br \/><div class=\"pt-cv-rmwrap\"><a href=\"https:\/\/www.dmsjuridica.com\/buscador_20179478954\/corteconstitucionalcronologico202454587\/t-349-01\/\" class=\"_self pt-cv-readmore btn btn-success\" target=\"_self\">Ver Sentencia Completa...<\/a><\/div><\/div><\/div><\/div>\n<div class=\"col-md-12 col-sm-12 col-xs-12 pt-cv-content-item pt-cv-1-col\" ><div class='pt-cv-ifield'><a href=\"https:\/\/www.dmsjuridica.com\/buscador_20179478954\/corteconstitucionalcronologico202454587\/t-348-01\/\" class=\"_self pt-cv-href-thumbnail pt-cv-thumb-default\" target=\"_self\" ><\/a>\n<div class=\"pt-cv-taxoterm above_title\"><a href='https:\/\/www.dmsjuridica.com\/buscador_20179478954\/corteconstitucionalcronologico202454587\/category\/buscar-en-toda-la-corte\/2001\/tutelas-2001\/' title='Tutelas 2001' class='pt-cv-tax-tutelas-2001'>Tutelas 2001<\/a><\/div>\n<h4 class=\"pt-cv-title\"><a href=\"https:\/\/www.dmsjuridica.com\/buscador_20179478954\/corteconstitucionalcronologico202454587\/t-348-01\/\" class=\"_self\" target=\"_self\" >T-348-01<\/a><\/h4>\n<div class=\"pt-cv-content\">\u00a0 \u00a0 Sentencia T-348\/01 \u00a0 ACCION DE TUTELA-Procedencia excepcional pago de acreencias laborales\/DERECHO AL MINIMO VITAL DEL TRABAJADOR-Pago oportuno de salarios \u00a0 EMPLEADOR-Situaci\u00f3n econ\u00f3mica o presupuestal no es \u00f3bice para desconocer pago de salarios \u00a0 Referencia: expediente T- 313281\u00a0 \u00a0 Acci\u00f3n de tutela incoada por Jos\u00e9 A. Leyva Ocampo contra la Alcald\u00eda Municipal de Campo de la Cruz. \u00a0 \u00a0 Dr. JAIME ARAUJO RENTER\u00cdA \u00a0 Bogot\u00e1, D.C., treinta (30) de marzo de dos mil uno (2001). \u00a0 La Sala Primera de Revisi\u00f3n de la Corte Constitucional, en ejercicio de sus atribuciones constitucionales y legales, espec\u00edficamente las previstas en los art\u00edculos ...<br \/><div class=\"pt-cv-rmwrap\"><a href=\"https:\/\/www.dmsjuridica.com\/buscador_20179478954\/corteconstitucionalcronologico202454587\/t-348-01\/\" class=\"_self pt-cv-readmore btn btn-success\" target=\"_self\">Ver Sentencia Completa...<\/a><\/div><\/div><\/div><\/div>\n<div class=\"col-md-12 col-sm-12 col-xs-12 pt-cv-content-item pt-cv-1-col\" ><div class='pt-cv-ifield'><a href=\"https:\/\/www.dmsjuridica.com\/buscador_20179478954\/corteconstitucionalcronologico202454587\/t-347-01\/\" class=\"_self pt-cv-href-thumbnail pt-cv-thumb-default\" target=\"_self\" ><\/a>\n<div class=\"pt-cv-taxoterm above_title\"><a href='https:\/\/www.dmsjuridica.com\/buscador_20179478954\/corteconstitucionalcronologico202454587\/category\/buscar-en-toda-la-corte\/2001\/tutelas-2001\/' title='Tutelas 2001' class='pt-cv-tax-tutelas-2001'>Tutelas 2001<\/a><\/div>\n<h4 class=\"pt-cv-title\"><a href=\"https:\/\/www.dmsjuridica.com\/buscador_20179478954\/corteconstitucionalcronologico202454587\/t-347-01\/\" class=\"_self\" target=\"_self\" >T-347-01<\/a><\/h4>\n<div class=\"pt-cv-content\">\u00a0 \u00a0 Sentencia T-347\/01 \u00a0 DERECHO DE PETICION-Resoluci\u00f3n oportuna y de fondo\/DERECHO DE PETICION-No se vulnera cuando la solicitud ha sido resuelta repetidamente por la entidad \u00a0 Referencia: expediente T-397908 \u00a0 Acci\u00f3n de tutela instaurada por Ricardo Angel Cordero Gonz\u00e1lez contra la Empresa Colombiana de Petr\u00f3leos -ECOPETROL-. \u00a0 Magistrado Ponente: \u00a0 Dr. JAIME ARAUJO RENTERIA. \u00a0 Bogot\u00e1 D. C., a los treinta (30) d\u00edas del mes de marzo del a\u00f1o dos mil uno (2001). \u00a0 SENTENCIA \u00a0 en el proceso de revisi\u00f3n del fallo proferido por el Juzgado Segundo Civil del Circuito de Barrancabermeja, al resolver sobre la acci\u00f3n de ...<br \/><div class=\"pt-cv-rmwrap\"><a href=\"https:\/\/www.dmsjuridica.com\/buscador_20179478954\/corteconstitucionalcronologico202454587\/t-347-01\/\" class=\"_self pt-cv-readmore btn btn-success\" target=\"_self\">Ver Sentencia Completa...<\/a><\/div><\/div><\/div><\/div>\n<div class=\"col-md-12 col-sm-12 col-xs-12 pt-cv-content-item pt-cv-1-col\" ><div class='pt-cv-ifield'><a href=\"https:\/\/www.dmsjuridica.com\/buscador_20179478954\/corteconstitucionalcronologico202454587\/t-346-01\/\" class=\"_self pt-cv-href-thumbnail pt-cv-thumb-default\" target=\"_self\" ><\/a>\n<div class=\"pt-cv-taxoterm above_title\"><a href='https:\/\/www.dmsjuridica.com\/buscador_20179478954\/corteconstitucionalcronologico202454587\/category\/buscar-en-toda-la-corte\/2001\/tutelas-2001\/' title='Tutelas 2001' class='pt-cv-tax-tutelas-2001'>Tutelas 2001<\/a><\/div>\n<h4 class=\"pt-cv-title\"><a href=\"https:\/\/www.dmsjuridica.com\/buscador_20179478954\/corteconstitucionalcronologico202454587\/t-346-01\/\" class=\"_self\" target=\"_self\" >T-346-01<\/a><\/h4>\n<div class=\"pt-cv-content\">\u00a0 \u00a0 Sentencia T-346\/01 \u00a0 IUS VARIANDI-Alcance y l\u00edmites \u00a0 IUS VARIANDI-Discrecionalidad limitada a la administraci\u00f3n para modificar sitio de trabajo \u00a0 ACCION DE TUTELA-Improcedencia para controvertir legalidad del traslado \u00a0 La acci\u00f3n de tutela no es el medio judicial adecuado para controvertir la legalidad del acto administrativo que orden\u00f3 el traslado en cuesti\u00f3n, ni tampoco se puede por esta v\u00eda excepcional, pretender revocar, suspender o reformar dicho acto, pues esta facultad corresponde de manera exclusiva y excluyente al juez contencioso administrativo, funci\u00f3n que es indelegable, y que por ning\u00fan motivo puede abrogarse el juez constitucional, pues carece de competencia ...<br \/><div class=\"pt-cv-rmwrap\"><a href=\"https:\/\/www.dmsjuridica.com\/buscador_20179478954\/corteconstitucionalcronologico202454587\/t-346-01\/\" class=\"_self pt-cv-readmore btn btn-success\" target=\"_self\">Ver Sentencia Completa...<\/a><\/div><\/div><\/div><\/div>\n<div class=\"col-md-12 col-sm-12 col-xs-12 pt-cv-content-item pt-cv-1-col\" ><div class='pt-cv-ifield'><a href=\"https:\/\/www.dmsjuridica.com\/buscador_20179478954\/corteconstitucionalcronologico202454587\/t-345-01\/\" class=\"_self pt-cv-href-thumbnail pt-cv-thumb-default\" target=\"_self\" ><\/a>\n<div class=\"pt-cv-taxoterm above_title\"><a href='https:\/\/www.dmsjuridica.com\/buscador_20179478954\/corteconstitucionalcronologico202454587\/category\/buscar-en-toda-la-corte\/2001\/tutelas-2001\/' title='Tutelas 2001' class='pt-cv-tax-tutelas-2001'>Tutelas 2001<\/a><\/div>\n<h4 class=\"pt-cv-title\"><a href=\"https:\/\/www.dmsjuridica.com\/buscador_20179478954\/corteconstitucionalcronologico202454587\/t-345-01\/\" class=\"_self\" target=\"_self\" >T-345-01<\/a><\/h4>\n<div class=\"pt-cv-content\">\u00a0 \u00a0 Sentencia T-345\/01 \u00a0\u00a0 \u00a0 ACCION DE TUTELA-Procedencia excepcional pago de acreencias laborales \u00a0 Referencia: expediente T-395126\u00a0 \u00a0 Acci\u00f3n de tutela instaurada por Rodolfo Palta Velasco contra el Municipio de Cali. \u00a0 Magistrado Ponente: \u00a0 Dr. JAIME ARAUJO RENTERIA \u00a0 Bogot\u00e1 D.C., treinta (30) de marzo de dos mil uno (2001). \u00a0 La Sala Primera de Revisi\u00f3n de la Corte Constitucional, en ejercicio de sus competencias constitucionales y legales, espec\u00edficamente las previstas en los art\u00edculos 86 y 241, numeral 9, de la Constituci\u00f3n Pol\u00edtica y en el Decreto 2591 de 1.991, ha proferido la siguiente, \u00a0 SENTENCIA \u00a0 dentro ...<br \/><div class=\"pt-cv-rmwrap\"><a href=\"https:\/\/www.dmsjuridica.com\/buscador_20179478954\/corteconstitucionalcronologico202454587\/t-345-01\/\" class=\"_self pt-cv-readmore btn btn-success\" target=\"_self\">Ver Sentencia Completa...<\/a><\/div><\/div><\/div><\/div>\n<div class=\"col-md-12 col-sm-12 col-xs-12 pt-cv-content-item pt-cv-1-col\" ><div class='pt-cv-ifield'><a href=\"https:\/\/www.dmsjuridica.com\/buscador_20179478954\/corteconstitucionalcronologico202454587\/t-344-01\/\" class=\"_self pt-cv-href-thumbnail pt-cv-thumb-default\" target=\"_self\" ><\/a>\n<div class=\"pt-cv-taxoterm above_title\"><a href='https:\/\/www.dmsjuridica.com\/buscador_20179478954\/corteconstitucionalcronologico202454587\/category\/buscar-en-toda-la-corte\/2001\/tutelas-2001\/' title='Tutelas 2001' class='pt-cv-tax-tutelas-2001'>Tutelas 2001<\/a><\/div>\n<h4 class=\"pt-cv-title\"><a href=\"https:\/\/www.dmsjuridica.com\/buscador_20179478954\/corteconstitucionalcronologico202454587\/t-344-01\/\" class=\"_self\" target=\"_self\" >T-344-01<\/a><\/h4>\n<div class=\"pt-cv-content\">\u00a0 \u00a0 Sentencia T-344\/01 \u00a0 AGENCIA OFICIOSA EN TUTELA-C\u00f3nyuge en representaci\u00f3n de esposo enfermo \u00a0 PLAN OBLIGATORIO DE SALUD-Exclusiones y limitaciones \u00a0 PLAN OBLIGATORIO DE SALUD-Periodos de carencia \u00a0 ENTIDAD PROMOTORA DE SALUD-Repetici\u00f3n contra el FOSYGA \u00a0 PLAN OBLIGATORIO DE SALUD-Cirug\u00eda de pr\u00f3stata \u00a0 Referencia: expediente T-384335 \u00a0 Acci\u00f3n de tutela de Mar\u00eda Consuelo Pantoja Medina contra CAJANAL E.P.S. Seccional Huila, por una presunta violaci\u00f3n de los derechos a la vida y a la salud. \u00a0 Temas: \u00a0 Agencia oficiosa de hecho, cuando el afectado est\u00e1 gravemente enfermo.\u00a0 \u00a0 Magistrado Ponente:\u00a0 \u00a0 Dr. JAIME ARAUJO RENTER\u00cdA \u00a0 Bogot\u00e1, D.C., treinta ...<br \/><div class=\"pt-cv-rmwrap\"><a href=\"https:\/\/www.dmsjuridica.com\/buscador_20179478954\/corteconstitucionalcronologico202454587\/t-344-01\/\" class=\"_self pt-cv-readmore btn btn-success\" target=\"_self\">Ver Sentencia Completa...<\/a><\/div><\/div><\/div><\/div>\n<div class=\"col-md-12 col-sm-12 col-xs-12 pt-cv-content-item pt-cv-1-col\" ><div class='pt-cv-ifield'><a href=\"https:\/\/www.dmsjuridica.com\/buscador_20179478954\/corteconstitucionalcronologico202454587\/t-343-01\/\" class=\"_self pt-cv-href-thumbnail pt-cv-thumb-default\" target=\"_self\" ><\/a>\n<div class=\"pt-cv-taxoterm above_title\"><a href='https:\/\/www.dmsjuridica.com\/buscador_20179478954\/corteconstitucionalcronologico202454587\/category\/buscar-en-toda-la-corte\/2001\/tutelas-2001\/' title='Tutelas 2001' class='pt-cv-tax-tutelas-2001'>Tutelas 2001<\/a><\/div>\n<h4 class=\"pt-cv-title\"><a href=\"https:\/\/www.dmsjuridica.com\/buscador_20179478954\/corteconstitucionalcronologico202454587\/t-343-01\/\" class=\"_self\" target=\"_self\" >T-343-01<\/a><\/h4>\n<div class=\"pt-cv-content\">\u00a0 \u00a0 Sentencia T-343\/01 \u00a0 MEDIO DE DEFENSA JUDICIAL EFICAZ-Restituci\u00f3n del espacio p\u00fablico \u00a0 ACCION DE NULIDAD Y RESTABLECIMIENTO DEL DERECHO-Restituci\u00f3n del espacio p\u00fablico\/MEDIO DE DEFENSA JUDICIAL-Nulidad de acto administrativo \u00a0 La Acci\u00f3n de Nulidad y Restablecimiento del Derecho, \u00a0es el instrumento jur\u00eddico espec\u00edfico \u00a0que \u00a0puede utilizar \u00a0el actor para solicitar de la Jurisdicci\u00f3n Contencioso Administrativo la declaratoria de nulidad \u00a0del acto administrativo; \u00a0esto es, para plantear su pretensi\u00f3n orientada a la p\u00e9rdida de su eficacia jur\u00eddica por la ocurrencia de un vicio que afecta su validez (ilegalidad, incompetencia, forma irregular, etc.) \u00a0y que, \u00a0 en consecuencia, \u00a0se le restablezca ...<br \/><div class=\"pt-cv-rmwrap\"><a href=\"https:\/\/www.dmsjuridica.com\/buscador_20179478954\/corteconstitucionalcronologico202454587\/t-343-01\/\" class=\"_self pt-cv-readmore btn btn-success\" target=\"_self\">Ver Sentencia Completa...<\/a><\/div><\/div><\/div><\/div>\n<div class=\"col-md-12 col-sm-12 col-xs-12 pt-cv-content-item pt-cv-1-col\" ><div class='pt-cv-ifield'><a href=\"https:\/\/www.dmsjuridica.com\/buscador_20179478954\/corteconstitucionalcronologico202454587\/t-342-01\/\" class=\"_self pt-cv-href-thumbnail pt-cv-thumb-default\" target=\"_self\" ><\/a>\n<div class=\"pt-cv-taxoterm above_title\"><a href='https:\/\/www.dmsjuridica.com\/buscador_20179478954\/corteconstitucionalcronologico202454587\/category\/buscar-en-toda-la-corte\/2001\/tutelas-2001\/' title='Tutelas 2001' class='pt-cv-tax-tutelas-2001'>Tutelas 2001<\/a><\/div>\n<h4 class=\"pt-cv-title\"><a href=\"https:\/\/www.dmsjuridica.com\/buscador_20179478954\/corteconstitucionalcronologico202454587\/t-342-01\/\" class=\"_self\" target=\"_self\" >T-342-01<\/a><\/h4>\n<div class=\"pt-cv-content\">\u00a0 \u00a0 Sentencia T-342\/01 \u00a0 ACCION DE TUTELA-Hecho superado \u00a0 Referencia: expediente T-382.792 \u00a0 Peticionario: Franco Barrero Jos\u00e9 Serv\u00e1n \u00a0 Procedencia: Juzgado Segundo Civil del Circuito de Neiva. \u00a0 Magistrado Ponente: \u00a0 Dr. MARCO GERARDO MONROY CABRA \u00a0 Bogot\u00e1, D.C. veintinueve (29) de marzo de dos mil uno (2001) \u00a0 La Sala Sexta de Revisi\u00f3n de tutelas de la Corte Constitucional, conformada por los magistrados Marco Gerardo Monroy Cabra, Eduardo Montealegre Lynett y Alvaro Tafur G\u00e1lvis, ha proferido la siguiente \u00a0 S E N T E N C I A \u00a0 en la revisi\u00f3n del fallo adoptado por el Juzgado ...<br \/><div class=\"pt-cv-rmwrap\"><a href=\"https:\/\/www.dmsjuridica.com\/buscador_20179478954\/corteconstitucionalcronologico202454587\/t-342-01\/\" class=\"_self pt-cv-readmore btn btn-success\" target=\"_self\">Ver Sentencia Completa...<\/a><\/div><\/div><\/div><\/div>\n<div class=\"col-md-12 col-sm-12 col-xs-12 pt-cv-content-item pt-cv-1-col\" ><div class='pt-cv-ifield'><a href=\"https:\/\/www.dmsjuridica.com\/buscador_20179478954\/corteconstitucionalcronologico202454587\/t-341-01\/\" class=\"_self pt-cv-href-thumbnail pt-cv-thumb-default\" target=\"_self\" ><\/a>\n<div class=\"pt-cv-taxoterm above_title\"><a href='https:\/\/www.dmsjuridica.com\/buscador_20179478954\/corteconstitucionalcronologico202454587\/category\/buscar-en-toda-la-corte\/2001\/tutelas-2001\/' title='Tutelas 2001' class='pt-cv-tax-tutelas-2001'>Tutelas 2001<\/a><\/div>\n<h4 class=\"pt-cv-title\"><a href=\"https:\/\/www.dmsjuridica.com\/buscador_20179478954\/corteconstitucionalcronologico202454587\/t-341-01\/\" class=\"_self\" target=\"_self\" >T-341-01<\/a><\/h4>\n<div class=\"pt-cv-content\">\u00a0 \u00a0 Sentencia T-341\/01 \u00a0 ACCION DE TUTELA-Procedencia excepcional pago de acreencias laborales \u00a0 DERECHO AL MINIMO VITAL DEL TRABAJADOR-Pago oportuno de salarios \u00a0 EMPLEADOR-Situaci\u00f3n econ\u00f3mica o presupuestal no es \u00f3bice para desconocer pago de salarios \u00a0 DERECHO AL MINIMO VITAL-Prueba de la amenaza \u00a0 Referencia: expediente T-396005 \u00a0 Accionante: Ana Josefa Torres Rivera \u00a0 Accionado: Municipio de Colos\u00f3-Sucre \u00a0 Procedencia: Juzgado Primero Civil del Circuito de Sincelejo \u00a0 Magistrado Ponente:\u00a0 \u00a0 Dr. MARCO GERARDO MONROY CABRA \u00a0 Bogot\u00e1 D.C., veintinueve (29) de abril de dos mil (2001) \u00a0 La Sala Sexta de la Corte Constitucional, integrada por los Magistrados ...<br \/><div class=\"pt-cv-rmwrap\"><a href=\"https:\/\/www.dmsjuridica.com\/buscador_20179478954\/corteconstitucionalcronologico202454587\/t-341-01\/\" class=\"_self pt-cv-readmore btn btn-success\" target=\"_self\">Ver Sentencia Completa...<\/a><\/div><\/div><\/div><\/div>\n<div class=\"col-md-12 col-sm-12 col-xs-12 pt-cv-content-item pt-cv-1-col\" ><div class='pt-cv-ifield'><a href=\"https:\/\/www.dmsjuridica.com\/buscador_20179478954\/corteconstitucionalcronologico202454587\/t-340-01\/\" class=\"_self pt-cv-href-thumbnail pt-cv-thumb-default\" target=\"_self\" ><\/a>\n<div class=\"pt-cv-taxoterm above_title\"><a href='https:\/\/www.dmsjuridica.com\/buscador_20179478954\/corteconstitucionalcronologico202454587\/category\/buscar-en-toda-la-corte\/2001\/tutelas-2001\/' title='Tutelas 2001' class='pt-cv-tax-tutelas-2001'>Tutelas 2001<\/a><\/div>\n<h4 class=\"pt-cv-title\"><a href=\"https:\/\/www.dmsjuridica.com\/buscador_20179478954\/corteconstitucionalcronologico202454587\/t-340-01\/\" class=\"_self\" target=\"_self\" >T-340-01<\/a><\/h4>\n<div class=\"pt-cv-content\">\u00a0 \u00a0 Sentencia T-340\/01 \u00a0 DEBIDO PROCESO-Aplicaci\u00f3n en procesos disciplinarios educativos \u00a0 El derecho al debido proceso debe garantizarse en las decisiones disciplinarias que se tomen en el medio educativo. El Estado le debe a la persona, como derecho prestacional, \u00a0el derecho a un proceso justo y adecuado, es decir, que antes de privar a alguien de un bien jur\u00eddico debe haber una actuaci\u00f3n del Estado que nunca puede implicar restricciones a los derechos fundamentales. As\u00ed, es v\u00e1lida la imposici\u00f3n de sanciones que est\u00e9n consignadas en el Reglamento interno de la instituci\u00f3n o en el Manual de Convivencia, siguiendo el ...<br \/><div class=\"pt-cv-rmwrap\"><a href=\"https:\/\/www.dmsjuridica.com\/buscador_20179478954\/corteconstitucionalcronologico202454587\/t-340-01\/\" class=\"_self pt-cv-readmore btn btn-success\" target=\"_self\">Ver Sentencia Completa...<\/a><\/div><\/div><\/div><\/div>\n<div class=\"col-md-12 col-sm-12 col-xs-12 pt-cv-content-item pt-cv-1-col\" ><div class='pt-cv-ifield'><a href=\"https:\/\/www.dmsjuridica.com\/buscador_20179478954\/corteconstitucionalcronologico202454587\/t-339-01\/\" class=\"_self pt-cv-href-thumbnail pt-cv-thumb-default\" target=\"_self\" ><\/a>\n<div class=\"pt-cv-taxoterm above_title\"><a href='https:\/\/www.dmsjuridica.com\/buscador_20179478954\/corteconstitucionalcronologico202454587\/category\/buscar-en-toda-la-corte\/2001\/tutelas-2001\/' title='Tutelas 2001' class='pt-cv-tax-tutelas-2001'>Tutelas 2001<\/a><\/div>\n<h4 class=\"pt-cv-title\"><a href=\"https:\/\/www.dmsjuridica.com\/buscador_20179478954\/corteconstitucionalcronologico202454587\/t-339-01\/\" class=\"_self\" target=\"_self\" >T-339-01<\/a><\/h4>\n<div class=\"pt-cv-content\">\u00a0 \u00a0 Sentencia T-339\/01 \u00a0 ACCION DE TUTELA-Procedencia excepcional pago de salarios \u00a0 DERECHO AL MINIMO VITAL DEL TRABAJADOR-Pago oportuno de salarios \u00a0 PERJUICIO IRREMEDIABLE-Elementos \u00a0 Referencia: expediente T-394219 y 394224 \u00a0 Solicitantes: Ruby Rosales Gamero y Elizabeth Mar\u00eda Borja Garc\u00eda \u00a0 Procedencia: Tribunal Administrativo de Barranquilla \u00a0 Magistrado Sustanciador:\u00a0 \u00a0 Dr. MARCO GERARDO MONROY CABRA \u00a0 Bogot\u00e1 D.C., veintinueve (29) de marzo de dos mil uno (2001). \u00a0 La Sala Sexta de Revisi\u00f3n de la Corte Constitucional, integrada por los Magistrados doctores Marco Gerardo Monroy Cabra, Eduardo Montealegre Lynnet y Alvaro Tafur Galvis, en ejercicio de sus competencias constitucionales ...<br \/><div class=\"pt-cv-rmwrap\"><a href=\"https:\/\/www.dmsjuridica.com\/buscador_20179478954\/corteconstitucionalcronologico202454587\/t-339-01\/\" class=\"_self pt-cv-readmore btn btn-success\" target=\"_self\">Ver Sentencia Completa...<\/a><\/div><\/div><\/div><\/div>\n<div class=\"col-md-12 col-sm-12 col-xs-12 pt-cv-content-item pt-cv-1-col\" ><div class='pt-cv-ifield'><a href=\"https:\/\/www.dmsjuridica.com\/buscador_20179478954\/corteconstitucionalcronologico202454587\/t-338-01\/\" class=\"_self pt-cv-href-thumbnail pt-cv-thumb-default\" target=\"_self\" ><\/a>\n<div class=\"pt-cv-taxoterm above_title\"><a href='https:\/\/www.dmsjuridica.com\/buscador_20179478954\/corteconstitucionalcronologico202454587\/category\/buscar-en-toda-la-corte\/2001\/tutelas-2001\/' title='Tutelas 2001' class='pt-cv-tax-tutelas-2001'>Tutelas 2001<\/a><\/div>\n<h4 class=\"pt-cv-title\"><a href=\"https:\/\/www.dmsjuridica.com\/buscador_20179478954\/corteconstitucionalcronologico202454587\/t-338-01\/\" class=\"_self\" target=\"_self\" >T-338-01<\/a><\/h4>\n<div class=\"pt-cv-content\">\u00a0 \u00a0 Sentencia T-338\/01 \u00a0 ACCION DE TUTELA-Procedencia excepcional pago de acreencias laborales \u00a0 DERECHO AL MINIMO VITAL-Alcance \u00a0 DERECHO AL MINIMO VITAL DEL PENSIONADO-Pago oportuno y completo de mesadas \u00a0 DERECHO AL PAGO OPORTUNO DEL SALARIO-Prueba directa o indirecta de situaci\u00f3n cr\u00edtica, econ\u00f3mica y psicol\u00f3gica \u00a0 Referencia: expediente T- 395805 \u00a0 \u00a0 \u00a0 Acci\u00f3n de tutela presentada por Juan Manuel Jaramillo \u00a0 Procedencia: Juzgado Veinticuatro Penal Municipal de Cali \u00a0 Magistrado Ponente: \u00a0 Dr. MARCO GERARDO MONROY CABRA \u00a0 Bogot\u00e1, D.C., veintinueve (29) de marzo de dos mil uno (2.001). \u00a0 La Sala Sexta de Revisi\u00f3n de la Corte ...<br \/><div class=\"pt-cv-rmwrap\"><a href=\"https:\/\/www.dmsjuridica.com\/buscador_20179478954\/corteconstitucionalcronologico202454587\/t-338-01\/\" class=\"_self pt-cv-readmore btn btn-success\" target=\"_self\">Ver Sentencia Completa...<\/a><\/div><\/div><\/div><\/div>\n<div class=\"col-md-12 col-sm-12 col-xs-12 pt-cv-content-item pt-cv-1-col\" ><div class='pt-cv-ifield'><a href=\"https:\/\/www.dmsjuridica.com\/buscador_20179478954\/corteconstitucionalcronologico202454587\/t-337-01\/\" class=\"_self pt-cv-href-thumbnail pt-cv-thumb-default\" target=\"_self\" ><\/a>\n<div class=\"pt-cv-taxoterm above_title\"><a href='https:\/\/www.dmsjuridica.com\/buscador_20179478954\/corteconstitucionalcronologico202454587\/category\/buscar-en-toda-la-corte\/2001\/tutelas-2001\/' title='Tutelas 2001' class='pt-cv-tax-tutelas-2001'>Tutelas 2001<\/a><\/div>\n<h4 class=\"pt-cv-title\"><a href=\"https:\/\/www.dmsjuridica.com\/buscador_20179478954\/corteconstitucionalcronologico202454587\/t-337-01\/\" class=\"_self\" target=\"_self\" >T-337-01<\/a><\/h4>\n<div class=\"pt-cv-content\">\u00a0 \u00a0 Sentencia T-337\/01 \u00a0 PENSION DE JUBILACION-Entidades deben informar oportunamente al interesado las decisiones que afecten su derecho pensional \u00a0 DERECHO A LA VIDA-Remisi\u00f3n oportuna del bono pensional\/DERECHOS DE PERSONAS DE LA TERCERA EDAD-Remisi\u00f3n oportuna del bono pensional\/PENSION DE JUBILACION-Tr\u00e1mite del bono no puede dilatar indefinidamente el acceso a la pensi\u00f3n \u00a0 Referencia: expediente T-428.172. \u00a0 Acci\u00f3n de tutela de Jos\u00e9 Joaqu\u00edn Montenegro Guerrero contra el Seguro Social, Gerencia de Pensiones. \u00a0 Magistrado ponente:\u00a0 \u00a0 Dr. ALFREDO BELTR\u00c1N SIERRA. \u00a0 Sentencia aprobada en Bogot\u00e1, a los dos (2) d\u00edas del mes de abril del a\u00f1o dos mil uno (2001) ...<br \/><div class=\"pt-cv-rmwrap\"><a href=\"https:\/\/www.dmsjuridica.com\/buscador_20179478954\/corteconstitucionalcronologico202454587\/t-337-01\/\" class=\"_self pt-cv-readmore btn btn-success\" target=\"_self\">Ver Sentencia Completa...<\/a><\/div><\/div><\/div><\/div>\n<div class=\"col-md-12 col-sm-12 col-xs-12 pt-cv-content-item pt-cv-1-col\" ><div class='pt-cv-ifield'><a href=\"https:\/\/www.dmsjuridica.com\/buscador_20179478954\/corteconstitucionalcronologico202454587\/t-336-01\/\" class=\"_self pt-cv-href-thumbnail pt-cv-thumb-default\" target=\"_self\" ><\/a>\n<div class=\"pt-cv-taxoterm above_title\"><a href='https:\/\/www.dmsjuridica.com\/buscador_20179478954\/corteconstitucionalcronologico202454587\/category\/buscar-en-toda-la-corte\/2001\/tutelas-2001\/' title='Tutelas 2001' class='pt-cv-tax-tutelas-2001'>Tutelas 2001<\/a><\/div>\n<h4 class=\"pt-cv-title\"><a href=\"https:\/\/www.dmsjuridica.com\/buscador_20179478954\/corteconstitucionalcronologico202454587\/t-336-01\/\" class=\"_self\" target=\"_self\" >T-336-01<\/a><\/h4>\n<div class=\"pt-cv-content\">\u00a0 \u00a0 Sentencia T-336\/01 \u00a0 ACCION DE TUTELA-Naturaleza \u00a0 JUEZ CONSTITUCIONAL-Improcedencia para sustituir a las autoridades en las competencias asignadas por la Constituci\u00f3n Pol\u00edtica \u00a0 GOBIERNO NACIONAL-Formulaci\u00f3n anual del presupuesto y ley de apropiaciones\/JUEZ DE TUTELA-Imposibilidad de modificar presupuesto para incremento salarial de servidores p\u00fablicos \u00a0 ACCION DE TUTELA TRANSITORIA-Improcedencia incremento salarial para servidores p\u00fablicos \u00a0 Referencia: expediente T-362913 \u00a0 Acci\u00f3n de tutela interpuesta por Juan Pablo P\u00e9rez Ben\u00edtez contra la Naci\u00f3n -Ministerio de Hacienda y Cr\u00e9dito P\u00fablico-, Ministerio de Educaci\u00f3n Nacional y Departamento Administrativo de la Funci\u00f3n P\u00fablica \u00a0 Magistrado Ponente: \u00a0 Dr. JAIME C\u00d3RDOBA TRIVI\u00d1O\u00a0 \u00a0 Bogot\u00e1, D.C., ...<br \/><div class=\"pt-cv-rmwrap\"><a href=\"https:\/\/www.dmsjuridica.com\/buscador_20179478954\/corteconstitucionalcronologico202454587\/t-336-01\/\" class=\"_self pt-cv-readmore btn btn-success\" target=\"_self\">Ver Sentencia Completa...<\/a><\/div><\/div><\/div><\/div>\n<div class=\"col-md-12 col-sm-12 col-xs-12 pt-cv-content-item pt-cv-1-col\" ><div class='pt-cv-ifield'><a href=\"https:\/\/www.dmsjuridica.com\/buscador_20179478954\/corteconstitucionalcronologico202454587\/t-335-01\/\" class=\"_self pt-cv-href-thumbnail pt-cv-thumb-default\" target=\"_self\" ><\/a>\n<div class=\"pt-cv-taxoterm above_title\"><a href='https:\/\/www.dmsjuridica.com\/buscador_20179478954\/corteconstitucionalcronologico202454587\/category\/buscar-en-toda-la-corte\/2001\/tutelas-2001\/' title='Tutelas 2001' class='pt-cv-tax-tutelas-2001'>Tutelas 2001<\/a><\/div>\n<h4 class=\"pt-cv-title\"><a href=\"https:\/\/www.dmsjuridica.com\/buscador_20179478954\/corteconstitucionalcronologico202454587\/t-335-01\/\" class=\"_self\" target=\"_self\" >T-335-01<\/a><\/h4>\n<div class=\"pt-cv-content\">\u00a0 \u00a0 Sentencia T-335\/01 \u00a0 DERECHOS DE PERSONAS DE LA TERCERA EDAD-Cr\u00e9ditos laborales privilegiados \u00a0 Esta Corporaci\u00f3n se ha referido al perjuicio que se ocasiona a la vida e integridad de las personas que dependen de un ingreso pensional cuando los obligados no cumplen con el pago oportuno de las mesadas. La condici\u00f3n de vulnerabilidad manifiesta de aquellos que ya no se encuentran en edad de trabajar y que le han entregado a una entidad la mayor parte de su vida productiva constituyen cr\u00e9ditos laborales privilegiados. La ausencia de pago de las pensiones pone en riesgo el m\u00ednimo vital de ...<br \/><div class=\"pt-cv-rmwrap\"><a href=\"https:\/\/www.dmsjuridica.com\/buscador_20179478954\/corteconstitucionalcronologico202454587\/t-335-01\/\" class=\"_self pt-cv-readmore btn btn-success\" target=\"_self\">Ver Sentencia Completa...<\/a><\/div><\/div><\/div><\/div>\n<div class=\"col-md-12 col-sm-12 col-xs-12 pt-cv-content-item pt-cv-1-col\" ><div class='pt-cv-ifield'><a href=\"https:\/\/www.dmsjuridica.com\/buscador_20179478954\/corteconstitucionalcronologico202454587\/t-334-01\/\" class=\"_self pt-cv-href-thumbnail pt-cv-thumb-default\" target=\"_self\" ><\/a>\n<div class=\"pt-cv-taxoterm above_title\"><a href='https:\/\/www.dmsjuridica.com\/buscador_20179478954\/corteconstitucionalcronologico202454587\/category\/buscar-en-toda-la-corte\/2001\/tutelas-2001\/' title='Tutelas 2001' class='pt-cv-tax-tutelas-2001'>Tutelas 2001<\/a><\/div>\n<h4 class=\"pt-cv-title\"><a href=\"https:\/\/www.dmsjuridica.com\/buscador_20179478954\/corteconstitucionalcronologico202454587\/t-334-01\/\" class=\"_self\" target=\"_self\" >T-334-01<\/a><\/h4>\n<div class=\"pt-cv-content\">\u00a0 \u00a0 Sentencia T-334\/01 \u00a0 SERVICIOS PUBLICOS DOMICILIARIOS-Conexidad con derechos fundamentales \u00a0 Se advierte que si bien la Corte ha reconocido la viabilidad de la acci\u00f3n de tutela para proteger los derechos de los usuarios de los servicios p\u00fablicos domiciliarios, esa protecci\u00f3n se ha supeditado a la conexidad entre tales derechos y derechos fundamentales pues de lo contrario se estar\u00eda extendiendo el amparo a situaciones que no implican vulneraci\u00f3n de derechos de tal \u00edndole y se estar\u00edan desconociendo los mecanismos legales y administrativos previstos para protegerlos. \u00a0 SERVICIO DE ENERGIA-Desconexi\u00f3n por no pagar el arrendatario m\u00e1s de tres periodos facturados\/ACCION ...<br \/><div class=\"pt-cv-rmwrap\"><a href=\"https:\/\/www.dmsjuridica.com\/buscador_20179478954\/corteconstitucionalcronologico202454587\/t-334-01\/\" class=\"_self pt-cv-readmore btn btn-success\" target=\"_self\">Ver Sentencia Completa...<\/a><\/div><\/div><\/div><\/div>\n<div class=\"col-md-12 col-sm-12 col-xs-12 pt-cv-content-item pt-cv-1-col\" ><div class='pt-cv-ifield'><a href=\"https:\/\/www.dmsjuridica.com\/buscador_20179478954\/corteconstitucionalcronologico202454587\/t-327-01\/\" class=\"_self pt-cv-href-thumbnail pt-cv-thumb-default\" target=\"_self\" ><\/a>\n<div class=\"pt-cv-taxoterm above_title\"><a href='https:\/\/www.dmsjuridica.com\/buscador_20179478954\/corteconstitucionalcronologico202454587\/category\/buscar-en-toda-la-corte\/2001\/tutelas-2001\/' title='Tutelas 2001' class='pt-cv-tax-tutelas-2001'>Tutelas 2001<\/a><\/div>\n<h4 class=\"pt-cv-title\"><a href=\"https:\/\/www.dmsjuridica.com\/buscador_20179478954\/corteconstitucionalcronologico202454587\/t-327-01\/\" class=\"_self\" target=\"_self\" >T-327-01<\/a><\/h4>\n<div class=\"pt-cv-content\">\u00a0 \u00a0 Sentencia T-327\/01 \u00a0 \u00a0 \u00a0 \u00a0 \u00a0 \u00a0 \u00a0 \u00a0 \u00a0 \u00a0 \u00a0 \u00a0 \u00a0 \u00a0 \u00a0 \u00a0 \u00a0 \u00a0 \u00a0 \u00a0 \u00a0 \u00a0 \u00a0 \u00a0 \u00a0 \u00a0 \u00a0 \u00a0\u00a0 \u00a0 DESPLAZAMIENTO FORZADO-Consecuencias\/DESPLAZAMIENTO FORZADO-Vulneraci\u00f3n m\u00faltiple, masiva y cont\u00ednua de derechos fundamentales \u00a0 DESPLAZAMIENTO INTERNO-Elementos cruciales\/DESPLAZAMIENTO INTERNO-Campesinos \u00a0 DESPLAZAMIENTO INTERNO-Noci\u00f3n \u00a0 DESPLAZAMIENTO FORZADO-No requiere ser declarado por entidad p\u00fablica o privada\/DESPLAZAMIENTO FORZADO-Situaci\u00f3n de hecho \u00a0 El desplazamiento forzado por ser una situaci\u00f3n de hecho no necesita, como requisito indispensable para adquirir la condici\u00f3n de desplazado ser declarado por ninguna entidad ni p\u00fablica ni privada para configurarse. Cuesti\u00f3n diferente es ...<br \/><div class=\"pt-cv-rmwrap\"><a href=\"https:\/\/www.dmsjuridica.com\/buscador_20179478954\/corteconstitucionalcronologico202454587\/t-327-01\/\" class=\"_self pt-cv-readmore btn btn-success\" target=\"_self\">Ver Sentencia Completa...<\/a><\/div><\/div><\/div><\/div>\n<div class=\"col-md-12 col-sm-12 col-xs-12 pt-cv-content-item pt-cv-1-col\" ><div class='pt-cv-ifield'><a href=\"https:\/\/www.dmsjuridica.com\/buscador_20179478954\/corteconstitucionalcronologico202454587\/t-326-01\/\" class=\"_self pt-cv-href-thumbnail pt-cv-thumb-default\" target=\"_self\" ><\/a>\n<div class=\"pt-cv-taxoterm above_title\"><a href='https:\/\/www.dmsjuridica.com\/buscador_20179478954\/corteconstitucionalcronologico202454587\/category\/buscar-en-toda-la-corte\/2001\/tutelas-2001\/' title='Tutelas 2001' class='pt-cv-tax-tutelas-2001'>Tutelas 2001<\/a><\/div>\n<h4 class=\"pt-cv-title\"><a href=\"https:\/\/www.dmsjuridica.com\/buscador_20179478954\/corteconstitucionalcronologico202454587\/t-326-01\/\" class=\"_self\" target=\"_self\" >T-326-01<\/a><\/h4>\n<div class=\"pt-cv-content\">\u00a0 \u00a0 Sentencia T-326\/01 \u00a0 DERECHO AL MINIMO VITAL DEL PENSIONADO-Pago oportuno de mesadas \u00a0 DERECHO AL MINIMO VITAL DEL PENSIONADO-Protecci\u00f3n sin tener en cuenta la edad \u00a0 Referencia: expediente T- 392244\u00a0 \u00a0 Acci\u00f3n de tutela incoada por Denis S\u00e1nchez Jim\u00e9nez contra la Universidad del Atl\u00e1ntico. \u00a0 \u00a0 Magistrado Ponente: \u00a0 Dr. JAIME ARAUJO RENTER\u00cdA \u00a0 Bogot\u00e1, D.C., veintitr\u00e9s (23) de marzo de dos mil uno (2001). \u00a0 La Sala Primera de Revisi\u00f3n de la Corte Constitucional, en ejercicio de sus atribuciones constitucionales y legales, espec\u00edficamente las previstas en los art\u00edculos 86 y \u00a0241, numeral 9, de la Constituci\u00f3n Pol\u00edtica ...<br \/><div class=\"pt-cv-rmwrap\"><a href=\"https:\/\/www.dmsjuridica.com\/buscador_20179478954\/corteconstitucionalcronologico202454587\/t-326-01\/\" class=\"_self pt-cv-readmore btn btn-success\" target=\"_self\">Ver Sentencia Completa...<\/a><\/div><\/div><\/div><\/div>\n<div class=\"col-md-12 col-sm-12 col-xs-12 pt-cv-content-item pt-cv-1-col\" ><div class='pt-cv-ifield'><a href=\"https:\/\/www.dmsjuridica.com\/buscador_20179478954\/corteconstitucionalcronologico202454587\/t-325-01\/\" class=\"_self pt-cv-href-thumbnail pt-cv-thumb-default\" target=\"_self\" ><\/a>\n<div class=\"pt-cv-taxoterm above_title\"><a href='https:\/\/www.dmsjuridica.com\/buscador_20179478954\/corteconstitucionalcronologico202454587\/category\/buscar-en-toda-la-corte\/2001\/tutelas-2001\/' title='Tutelas 2001' class='pt-cv-tax-tutelas-2001'>Tutelas 2001<\/a><\/div>\n<h4 class=\"pt-cv-title\"><a href=\"https:\/\/www.dmsjuridica.com\/buscador_20179478954\/corteconstitucionalcronologico202454587\/t-325-01\/\" class=\"_self\" target=\"_self\" >T-325-01<\/a><\/h4>\n<div class=\"pt-cv-content\">\u00a0 \u00a0 Sentencia T-325\/01 \u00a0 \u00a0 PRINCIPIO DE CONGRUENCIA DE LAS SENTENCIAS-Inobservancia \u00a0 Al proferir sentencia el Despacho Judicial respectivo, no tuvo en cuenta los hechos, ni pruebas de la demanda de tutela, prescindiendo de ellos y pronunci\u00e1ndose con relaci\u00f3n a situaciones completamente ajenas al proceso y esbozadas por el demandado, lo que equivale a dejar insoluta la pretensi\u00f3n de la actora. El juez de tutela se circunscribe al an\u00e1lisis y valoraci\u00f3n de los argumentos expuestos por el demandado, sin tener en cuenta lo expresado y probado por la actora, dando como resultado una sentencia que no est\u00e1 en consonancia ...<br \/><div class=\"pt-cv-rmwrap\"><a href=\"https:\/\/www.dmsjuridica.com\/buscador_20179478954\/corteconstitucionalcronologico202454587\/t-325-01\/\" class=\"_self pt-cv-readmore btn btn-success\" target=\"_self\">Ver Sentencia Completa...<\/a><\/div><\/div><\/div><\/div>\n<div class=\"col-md-12 col-sm-12 col-xs-12 pt-cv-content-item pt-cv-1-col\" ><div class='pt-cv-ifield'><a href=\"https:\/\/www.dmsjuridica.com\/buscador_20179478954\/corteconstitucionalcronologico202454587\/t-324-01\/\" class=\"_self pt-cv-href-thumbnail pt-cv-thumb-default\" target=\"_self\" ><\/a>\n<div class=\"pt-cv-taxoterm above_title\"><a href='https:\/\/www.dmsjuridica.com\/buscador_20179478954\/corteconstitucionalcronologico202454587\/category\/buscar-en-toda-la-corte\/2001\/tutelas-2001\/' title='Tutelas 2001' class='pt-cv-tax-tutelas-2001'>Tutelas 2001<\/a><\/div>\n<h4 class=\"pt-cv-title\"><a href=\"https:\/\/www.dmsjuridica.com\/buscador_20179478954\/corteconstitucionalcronologico202454587\/t-324-01\/\" class=\"_self\" target=\"_self\" >T-324-01<\/a><\/h4>\n<div class=\"pt-cv-content\">\u00a0 \u00a0 Sentencia T-324\/01 \u00a0 DOCTRINA CONSTITUCIONAL SOBRE VIA DE HECHO\/ACCION DE TUTELA CONTRA PROVIDENCIAS JUDICIALES-Procedencia excepcional \u00a0 ACCION DE TUTELA-Improcedencia contra interpretaciones de la ley \u00a0 PRINCIPIO DE NO DISCRIMINACION-Criterio sospechoso\/DERECHO A LA IGUALDAD-Criterio sospechoso \u00a0 Referencia: expediente T-388857\u00a0 \u00a0 Acci\u00f3n de tutela incoada por Enrique Daza Cogollo contra sentencia del Tribunal de Cundinamarca y contra sentencia del Consejo de Estado.\u00a0 \u00a0 Magistrado Ponente: \u00a0 Dr. JAIME ARAUJO RENTER\u00cdA \u00a0 Bogot\u00e1, D.C., veintitr\u00e9s (23) de marzo de dos mil uno (2001). \u00a0 La Sala Primera de Revisi\u00f3n de la Corte Constitucional, en ejercicio de sus atribuciones constitucionales y legales, ...<br \/><div class=\"pt-cv-rmwrap\"><a href=\"https:\/\/www.dmsjuridica.com\/buscador_20179478954\/corteconstitucionalcronologico202454587\/t-324-01\/\" class=\"_self pt-cv-readmore btn btn-success\" target=\"_self\">Ver Sentencia Completa...<\/a><\/div><\/div><\/div><\/div>\n<div class=\"col-md-12 col-sm-12 col-xs-12 pt-cv-content-item pt-cv-1-col\" ><div class='pt-cv-ifield'><a href=\"https:\/\/www.dmsjuridica.com\/buscador_20179478954\/corteconstitucionalcronologico202454587\/t-322-01\/\" class=\"_self pt-cv-href-thumbnail pt-cv-thumb-default\" target=\"_self\" ><\/a>\n<div class=\"pt-cv-taxoterm above_title\"><a href='https:\/\/www.dmsjuridica.com\/buscador_20179478954\/corteconstitucionalcronologico202454587\/category\/buscar-en-toda-la-corte\/2001\/tutelas-2001\/' title='Tutelas 2001' class='pt-cv-tax-tutelas-2001'>Tutelas 2001<\/a><\/div>\n<h4 class=\"pt-cv-title\"><a href=\"https:\/\/www.dmsjuridica.com\/buscador_20179478954\/corteconstitucionalcronologico202454587\/t-322-01\/\" class=\"_self\" target=\"_self\" >T-322-01<\/a><\/h4>\n<div class=\"pt-cv-content\">\u00a0 \u00a0 Sentencia T-322\/01 \u00a0 DERECHO A LA PENSION DE VEJEZ-Fundamental \u00a0 PENSION DE VEJEZ-Protecci\u00f3n constitucional \u00a0 BONOS PENSIONALES-Expedici\u00f3n y emisi\u00f3n \u00a0 BONOS PENSIONALES-Demora en la emisi\u00f3n afecta derechos fundamentales\/VIA DE HECHO-Se niega pensi\u00f3n por demora en emisi\u00f3n del bono\u00a0 \u00a0 Reiteraci\u00f3n de Jurisprudencia \u00a0 Referencia: expediente T-390714 \u00a0 Acci\u00f3n de tutela instaurada por Jos\u00e9 Augusto Hincapi\u00e9 Su\u00e1rez contra la Gobernaci\u00f3n del Valle. \u00a0 \u00a0 \u00a0 Magistrado Ponente:\u00a0 \u00a0 Dr. ALVARO TAFUR GALVIS \u00a0 Bogot\u00e1, D.C., a los veintitr\u00e9s (23) d\u00edas del mes de marzo de dos mil uno (2001). \u00a0 La Sala Octava de Revisi\u00f3n de la Corte Constitucional, ...<br \/><div class=\"pt-cv-rmwrap\"><a href=\"https:\/\/www.dmsjuridica.com\/buscador_20179478954\/corteconstitucionalcronologico202454587\/t-322-01\/\" class=\"_self pt-cv-readmore btn btn-success\" target=\"_self\">Ver Sentencia Completa...<\/a><\/div><\/div><\/div><\/div>\n<div class=\"col-md-12 col-sm-12 col-xs-12 pt-cv-content-item pt-cv-1-col\" ><div class='pt-cv-ifield'><a href=\"https:\/\/www.dmsjuridica.com\/buscador_20179478954\/corteconstitucionalcronologico202454587\/t-321-01\/\" class=\"_self pt-cv-href-thumbnail pt-cv-thumb-default\" target=\"_self\" ><\/a>\n<div class=\"pt-cv-taxoterm above_title\"><a href='https:\/\/www.dmsjuridica.com\/buscador_20179478954\/corteconstitucionalcronologico202454587\/category\/buscar-en-toda-la-corte\/2001\/tutelas-2001\/' title='Tutelas 2001' class='pt-cv-tax-tutelas-2001'>Tutelas 2001<\/a><\/div>\n<h4 class=\"pt-cv-title\"><a href=\"https:\/\/www.dmsjuridica.com\/buscador_20179478954\/corteconstitucionalcronologico202454587\/t-321-01\/\" class=\"_self\" target=\"_self\" >T-321-01<\/a><\/h4>\n<div class=\"pt-cv-content\">\u00a0 \u00a0 Sentencia T-321\/01 \u00a0 ACCION DE TUTELA-Procedencia excepcional pago de acreencias laborales \u00a0 DERECHO AL MINIMO VITAL DEL TRABAJADOR-No afectaci\u00f3n por no pago de complemento salarial\/ACCION DE TUTELA-Improcedencia por no afectaci\u00f3n del m\u00ednimo vital \u00a0 -Reiteraci\u00f3n de Jurisprudencia- \u00a0 Referencia: expediente T-390048 \u00a0 Acci\u00f3n de tutela instaurada por Angelmiro Contreras Cort\u00e9s y otros contra el se\u00f1or Alcalde del Municipio de Arboletes -Antioquia- \u00a0 Magistrado Ponente: \u00a0 Dr. ALVARO TAFUR GALVIS. \u00a0 Bogot\u00e1 D. C., veintitr\u00e9s (23) de marzo del a\u00f1o dos mil uno (2001). \u00a0 La Sala Octava de Revisi\u00f3n de la Corte Constitucional, en ejercicio de sus competencias ...<br \/><div class=\"pt-cv-rmwrap\"><a href=\"https:\/\/www.dmsjuridica.com\/buscador_20179478954\/corteconstitucionalcronologico202454587\/t-321-01\/\" class=\"_self pt-cv-readmore btn btn-success\" target=\"_self\">Ver Sentencia Completa...<\/a><\/div><\/div><\/div><\/div>\n<div class=\"col-md-12 col-sm-12 col-xs-12 pt-cv-content-item pt-cv-1-col\" ><div class='pt-cv-ifield'><a href=\"https:\/\/www.dmsjuridica.com\/buscador_20179478954\/corteconstitucionalcronologico202454587\/t-320-01\/\" class=\"_self pt-cv-href-thumbnail pt-cv-thumb-default\" target=\"_self\" ><\/a>\n<div class=\"pt-cv-taxoterm above_title\"><a href='https:\/\/www.dmsjuridica.com\/buscador_20179478954\/corteconstitucionalcronologico202454587\/category\/buscar-en-toda-la-corte\/2001\/tutelas-2001\/' title='Tutelas 2001' class='pt-cv-tax-tutelas-2001'>Tutelas 2001<\/a><\/div>\n<h4 class=\"pt-cv-title\"><a href=\"https:\/\/www.dmsjuridica.com\/buscador_20179478954\/corteconstitucionalcronologico202454587\/t-320-01\/\" class=\"_self\" target=\"_self\" >T-320-01<\/a><\/h4>\n<div class=\"pt-cv-content\">\u00a0 \u00a0 Sentencia T-320\/01 \u00a0 DERECHO DE LAS PERSONAS DE LA TERCERA EDAD-Protecci\u00f3n \u00a0 DERECHO AL MINIMO VITAL DEL PENSIONADO-Pago oportuno de mesadas \u00a0 EMPLEADOR-Situaci\u00f3n econ\u00f3mica o presupuestal no es \u00f3bice para desconocer pago de mesadas pensionales \u00a0 Reiteraci\u00f3n de Jurisprudencia \u00a0 Referencia: expedientes T-389864 y T-389865. \u00a0 Acciones de tutela instauradas por Gustavo Torres Hern\u00e1ndez y Melquisedec Acu\u00f1a Rodr\u00edguez contra la Universidad del Valle, el Ministerio de Hacienda y Cr\u00e9dito P\u00fablico, Ministerio de Educaci\u00f3n Nacional y el Departamento del Valle del Cauca. \u00a0 Magistrado Ponente: \u00a0 Dr. ALVARO TAFUR GALVIS \u00a0 Bogot\u00e1 D.C., a los veintitr\u00e9s (23) d\u00edas del ...<br \/><div class=\"pt-cv-rmwrap\"><a href=\"https:\/\/www.dmsjuridica.com\/buscador_20179478954\/corteconstitucionalcronologico202454587\/t-320-01\/\" class=\"_self pt-cv-readmore btn btn-success\" target=\"_self\">Ver Sentencia Completa...<\/a><\/div><\/div><\/div><\/div>\n<div class=\"col-md-12 col-sm-12 col-xs-12 pt-cv-content-item pt-cv-1-col\" ><div class='pt-cv-ifield'><a href=\"https:\/\/www.dmsjuridica.com\/buscador_20179478954\/corteconstitucionalcronologico202454587\/t-319-01\/\" class=\"_self pt-cv-href-thumbnail pt-cv-thumb-default\" target=\"_self\" ><\/a>\n<div class=\"pt-cv-taxoterm above_title\"><a href='https:\/\/www.dmsjuridica.com\/buscador_20179478954\/corteconstitucionalcronologico202454587\/category\/buscar-en-toda-la-corte\/2001\/tutelas-2001\/' title='Tutelas 2001' class='pt-cv-tax-tutelas-2001'>Tutelas 2001<\/a><\/div>\n<h4 class=\"pt-cv-title\"><a href=\"https:\/\/www.dmsjuridica.com\/buscador_20179478954\/corteconstitucionalcronologico202454587\/t-319-01\/\" class=\"_self\" target=\"_self\" >T-319-01<\/a><\/h4>\n<div class=\"pt-cv-content\">\u00a0 \u00a0 Sentencia T-319\/01 \u00a0 Referencia: expediente T-396544 \u00a0 Acci\u00f3n de tutela instaurada por Minerva Arismendy de Lozano contra la E.S.E. del Hospital San Jer\u00f3nimo de Monter\u00eda \u00a0 Magistrado Ponente\u00a0:\u00a0 \u00a0 Dr. EDUARDO MONTEALEGRE LYNETT. \u00a0 Bogot\u00e1 D.C. veintidos (22) de marzo de dos mil uno (2.001). \u00a0 La Sala S\u00e9ptima de Revisi\u00f3n de Tutelas de la Corte Constitucional, en ejercicio de sus competencias constitucionales y legales, ha proferido la siguiente, \u00a0 SENTENCIA \u00a0 dentro del proceso de revisi\u00f3n del fallo proferido por el Juzgado Primero de Familia del Circuito de Monter\u00eda al resolver sobre la acci\u00f3n de tutela, interpuesta ...<br \/><div class=\"pt-cv-rmwrap\"><a href=\"https:\/\/www.dmsjuridica.com\/buscador_20179478954\/corteconstitucionalcronologico202454587\/t-319-01\/\" class=\"_self pt-cv-readmore btn btn-success\" target=\"_self\">Ver Sentencia Completa...<\/a><\/div><\/div><\/div><\/div>\n<div class=\"col-md-12 col-sm-12 col-xs-12 pt-cv-content-item pt-cv-1-col\" ><div class='pt-cv-ifield'><a href=\"https:\/\/www.dmsjuridica.com\/buscador_20179478954\/corteconstitucionalcronologico202454587\/t-318-01\/\" class=\"_self pt-cv-href-thumbnail pt-cv-thumb-default\" target=\"_self\" ><\/a>\n<div class=\"pt-cv-taxoterm above_title\"><a href='https:\/\/www.dmsjuridica.com\/buscador_20179478954\/corteconstitucionalcronologico202454587\/category\/buscar-en-toda-la-corte\/2001\/tutelas-2001\/' title='Tutelas 2001' class='pt-cv-tax-tutelas-2001'>Tutelas 2001<\/a><\/div>\n<h4 class=\"pt-cv-title\"><a href=\"https:\/\/www.dmsjuridica.com\/buscador_20179478954\/corteconstitucionalcronologico202454587\/t-318-01\/\" class=\"_self\" target=\"_self\" >T-318-01<\/a><\/h4>\n<div class=\"pt-cv-content\">\u00a0 \u00a0 Sentencia T-318\/01 \u00a0 ACCION DE TUTELA-Procedencia excepcional pago de acreencias laborales \u00a0 DERECHO AL MINIMO VITAL DEL PENSIONADO-Pago oportuno de mesadas \u00a0 Reiteraci\u00f3n de Jurisprudencia \u00a0 Referencia: expediente T-393194 \u00a0 Acci\u00f3n de tutela instaurada por Aseneth L\u00f3pez de Crosby contra el Departamento de Boyac\u00e1, Secretar\u00eda de Hacienda y Caja de Previsi\u00f3n Social \u00a0de Boyac\u00e1. \u00a0 Magistrado Ponente: \u00a0 Dr. EDUARDO MONTEALEGRE LYNETT \u00a0 Bogot\u00e1 D.C., veintid\u00f3s (22) de marzo de dos mil uno (2001). \u00a0 La Sala S\u00e9ptima \u00a0de Revisi\u00f3n de la Corte Constitucional, en ejercicio de sus competencias constitucionales y legales, espec\u00edficamente las previstas en los art\u00edculos ...<br \/><div class=\"pt-cv-rmwrap\"><a href=\"https:\/\/www.dmsjuridica.com\/buscador_20179478954\/corteconstitucionalcronologico202454587\/t-318-01\/\" class=\"_self pt-cv-readmore btn btn-success\" target=\"_self\">Ver Sentencia Completa...<\/a><\/div><\/div><\/div><\/div>\n<div class=\"col-md-12 col-sm-12 col-xs-12 pt-cv-content-item pt-cv-1-col\" ><div class='pt-cv-ifield'><a href=\"https:\/\/www.dmsjuridica.com\/buscador_20179478954\/corteconstitucionalcronologico202454587\/t-317-01\/\" class=\"_self pt-cv-href-thumbnail pt-cv-thumb-default\" target=\"_self\" ><\/a>\n<div class=\"pt-cv-taxoterm above_title\"><a href='https:\/\/www.dmsjuridica.com\/buscador_20179478954\/corteconstitucionalcronologico202454587\/category\/buscar-en-toda-la-corte\/2001\/tutelas-2001\/' title='Tutelas 2001' class='pt-cv-tax-tutelas-2001'>Tutelas 2001<\/a><\/div>\n<h4 class=\"pt-cv-title\"><a href=\"https:\/\/www.dmsjuridica.com\/buscador_20179478954\/corteconstitucionalcronologico202454587\/t-317-01\/\" class=\"_self\" target=\"_self\" >T-317-01<\/a><\/h4>\n<div class=\"pt-cv-content\">\u00a0 \u00a0 Sentencia T-317\/01 \u00a0 ACCION DE TUTELA CONTRA PARTICULARES-Improcedencia por no existir subordinaci\u00f3n e indefensi\u00f3n \u00a0 MEDIO DE DEFENSA JUDICIAL-Reclamo por no entrega de vivienda \u00a0 Referencia: expediente T-391479 \u00a0 Actor: Francisco Valdelamar Beltr\u00e1n \u00a0 Juzgado de origen: Tercero Civil del Circuito de Sincelejo -Sucre- \u00a0 Magistrado Ponente:\u00a0 \u00a0 Dr. EDUARDO MONTEALEGRE LYNETT \u00a0 La Sala S\u00e9ptima de Revisi\u00f3n de la Corte Constitucional, en ejercicio de sus competencias constitucionales y legales, ha proferido la siguiente \u00a0 SENTENCIA \u00a0 Dentro del asunto de la referencia, solicitud de tutela promovida por Francisco Valdelamar Beltr\u00e1n contra la Uni\u00f3n Temporal Cotransalud y otro ...<br \/><div class=\"pt-cv-rmwrap\"><a href=\"https:\/\/www.dmsjuridica.com\/buscador_20179478954\/corteconstitucionalcronologico202454587\/t-317-01\/\" class=\"_self pt-cv-readmore btn btn-success\" target=\"_self\">Ver Sentencia Completa...<\/a><\/div><\/div><\/div><\/div>\n<div class=\"col-md-12 col-sm-12 col-xs-12 pt-cv-content-item pt-cv-1-col\" ><div class='pt-cv-ifield'><a href=\"https:\/\/www.dmsjuridica.com\/buscador_20179478954\/corteconstitucionalcronologico202454587\/t-316-01\/\" class=\"_self pt-cv-href-thumbnail pt-cv-thumb-default\" target=\"_self\" ><\/a>\n<div class=\"pt-cv-taxoterm above_title\"><a href='https:\/\/www.dmsjuridica.com\/buscador_20179478954\/corteconstitucionalcronologico202454587\/category\/buscar-en-toda-la-corte\/2001\/tutelas-2001\/' title='Tutelas 2001' class='pt-cv-tax-tutelas-2001'>Tutelas 2001<\/a><\/div>\n<h4 class=\"pt-cv-title\"><a href=\"https:\/\/www.dmsjuridica.com\/buscador_20179478954\/corteconstitucionalcronologico202454587\/t-316-01\/\" class=\"_self\" target=\"_self\" >T-316-01<\/a><\/h4>\n<div class=\"pt-cv-content\">\u00a0 \u00a0 Sentencia T-316\/01 \u00a0 DERECHO DE PETICION-N\u00facleo esencial \u00a0 DERECHO DE PETICION-Resoluci\u00f3n oportuna y de fondo \u00a0 DERECHO DE PETICION-No conlleva respuesta favorable a la solicitud \u00a0 DERECHO DE PETICION-Reconocimiento y pago de pensi\u00f3n de jubilaci\u00f3n \u00a0 Referencia: expediente T-390953 \u00a0 Accionante: Omar Bonilla Z\u00fa\u00f1iga \u00a0 Procedencia: Juzgado 4\u00ba Civil del Circuito de Popay\u00e1n\u00a0 \u00a0 Magistrado Ponente: \u00a0 Dr. EDUARDO MONTEALEGRE LYNETT \u00a0 Bogot\u00e1, D.C., veintid\u00f3s (22) de marzo de dos mil uno (2001).\u00a0 \u00a0 La Sala S\u00e9ptima de Revisi\u00f3n de la Corte Constitucional, integrada por los Magistrados Eduardo Montealegre Lynett, Alvaro Tafur Galvis y Clara In\u00e9s Vargas Hern\u00e1ndez, ...<br \/><div class=\"pt-cv-rmwrap\"><a href=\"https:\/\/www.dmsjuridica.com\/buscador_20179478954\/corteconstitucionalcronologico202454587\/t-316-01\/\" class=\"_self pt-cv-readmore btn btn-success\" target=\"_self\">Ver Sentencia Completa...<\/a><\/div><\/div><\/div><\/div>\n<div class=\"col-md-12 col-sm-12 col-xs-12 pt-cv-content-item pt-cv-1-col\" ><div class='pt-cv-ifield'><a href=\"https:\/\/www.dmsjuridica.com\/buscador_20179478954\/corteconstitucionalcronologico202454587\/t-315-01\/\" class=\"_self pt-cv-href-thumbnail pt-cv-thumb-default\" target=\"_self\" ><\/a>\n<div class=\"pt-cv-taxoterm above_title\"><a href='https:\/\/www.dmsjuridica.com\/buscador_20179478954\/corteconstitucionalcronologico202454587\/category\/buscar-en-toda-la-corte\/2001\/tutelas-2001\/' title='Tutelas 2001' class='pt-cv-tax-tutelas-2001'>Tutelas 2001<\/a><\/div>\n<h4 class=\"pt-cv-title\"><a href=\"https:\/\/www.dmsjuridica.com\/buscador_20179478954\/corteconstitucionalcronologico202454587\/t-315-01\/\" class=\"_self\" target=\"_self\" >T-315-01<\/a><\/h4>\n<div class=\"pt-cv-content\">\u00a0 \u00a0 Sentencia T-315\/01 \u00a0 ACCION DE TUTELA-Improcedencia para reconocimiento de derechos litigiosos \u00a0 DERECHO DE PETICION-Resoluci\u00f3n de fondo\/DERECHO DE PETICION-Resoluci\u00f3n sobre reconocimiento de pensi\u00f3n de jubilaci\u00f3n \u00a0 -Reiteraci\u00f3n de Jurisprudencia- \u00a0 Referencia: expediente T-390073 \u00a0 Acci\u00f3n de tutela instaurada por Jos\u00e9 Gregorio Espinosa Chavarr\u00eda contra el Alcalde Municipal de Taraz\u00e1 -Antioquia-. \u00a0 Magistrado Ponente: \u00a0 Dr. EDUARDO MONTEALEGRE LYNETT \u00a0 Bogot\u00e1, D.C., veintid\u00f3s (22) de marzo de dos mil uno (2001). \u00a0 La Sala S\u00e9ptima de Revisi\u00f3n de la Corte Constitucional, integrada por los magistrados Eduardo Montealegre Lynett, Alvaro Tafur Galvis y Clara In\u00e9s Vargas Hern\u00e1ndez, en ejercicio de ...<br \/><div class=\"pt-cv-rmwrap\"><a href=\"https:\/\/www.dmsjuridica.com\/buscador_20179478954\/corteconstitucionalcronologico202454587\/t-315-01\/\" class=\"_self pt-cv-readmore btn btn-success\" target=\"_self\">Ver Sentencia Completa...<\/a><\/div><\/div><\/div><\/div>\n<div class=\"col-md-12 col-sm-12 col-xs-12 pt-cv-content-item pt-cv-1-col\" ><div class='pt-cv-ifield'><a href=\"https:\/\/www.dmsjuridica.com\/buscador_20179478954\/corteconstitucionalcronologico202454587\/t-314-01\/\" class=\"_self pt-cv-href-thumbnail pt-cv-thumb-default\" target=\"_self\" ><\/a>\n<div class=\"pt-cv-taxoterm above_title\"><a href='https:\/\/www.dmsjuridica.com\/buscador_20179478954\/corteconstitucionalcronologico202454587\/category\/buscar-en-toda-la-corte\/2001\/tutelas-2001\/' title='Tutelas 2001' class='pt-cv-tax-tutelas-2001'>Tutelas 2001<\/a><\/div>\n<h4 class=\"pt-cv-title\"><a href=\"https:\/\/www.dmsjuridica.com\/buscador_20179478954\/corteconstitucionalcronologico202454587\/t-314-01\/\" class=\"_self\" target=\"_self\" >T-314-01<\/a><\/h4>\n<div class=\"pt-cv-content\">\u00a0 \u00a0 Sentencia T-314\/01 \u00a0 ACCION DE TUTELA-Procedencia excepcional pago de acreencias laborales \u00a0 DERECHO AL MINIMO VITAL DEL TRABAJADOR-No afectaci\u00f3n por no pago de prima t\u00e9cnica \u00a0 Referencia: expediente T-389601 \u00a0 Actor: Maria Cecilia Gualteros\u00a0 \u00a0 Juzgado de origen: Juzgado 8 Civil Municipal de Ibagu\u00e9 Tolima. \u00a0 Magistrado Ponente: \u00a0 Dr. EDUARDO MONTEALEGRE LYNETT \u00a0 Bogot\u00e1, D.C., veintid\u00f3s (22) de marzo de dos \u00a0mil uno (2001). \u00a0 La Sala S\u00e9ptima de Revisi\u00f3n de la Corte Constitucional, en ejercicio de sus competencias constitucionales y legales, ha proferido la siguiente \u00a0 SENTENCIA \u00a0 Dentro de la acci\u00f3n de tutela No. T-389601 ...<br \/><div class=\"pt-cv-rmwrap\"><a href=\"https:\/\/www.dmsjuridica.com\/buscador_20179478954\/corteconstitucionalcronologico202454587\/t-314-01\/\" class=\"_self pt-cv-readmore btn btn-success\" target=\"_self\">Ver Sentencia Completa...<\/a><\/div><\/div><\/div><\/div>\n<div class=\"col-md-12 col-sm-12 col-xs-12 pt-cv-content-item pt-cv-1-col\" ><div class='pt-cv-ifield'><a href=\"https:\/\/www.dmsjuridica.com\/buscador_20179478954\/corteconstitucionalcronologico202454587\/t-313-01\/\" class=\"_self pt-cv-href-thumbnail pt-cv-thumb-default\" target=\"_self\" ><\/a>\n<div class=\"pt-cv-taxoterm above_title\"><a href='https:\/\/www.dmsjuridica.com\/buscador_20179478954\/corteconstitucionalcronologico202454587\/category\/buscar-en-toda-la-corte\/2001\/tutelas-2001\/' title='Tutelas 2001' class='pt-cv-tax-tutelas-2001'>Tutelas 2001<\/a><\/div>\n<h4 class=\"pt-cv-title\"><a href=\"https:\/\/www.dmsjuridica.com\/buscador_20179478954\/corteconstitucionalcronologico202454587\/t-313-01\/\" class=\"_self\" target=\"_self\" >T-313-01<\/a><\/h4>\n<div class=\"pt-cv-content\">\u00a0 \u00a0 Sentencia T-313\/01 \u00a0 ACCION DE TUTELA-Naturaleza \u00a0 JUEZ CONSTITUCIONAL-Improcedencia para sustituir a las autoridades en las competencias asignadas por la Constituci\u00f3n Pol\u00edtica \u00a0 GOBIERNO NACIONAL-Formulaci\u00f3n anual del presupuesto y ley de apropiaciones\/JUEZ DE TUTELA-Imposibilidad de modificar presupuesto para incremento salarial de servidores p\u00fablicos \u00a0 ACCION DE TUTELA TRANSITORIA-Improcedencia incremento salarial para servidores p\u00fablicos \u00a0 Referencia: expedientes T- \u00a0 \u00a0 \u00a0 \u00a0 359597 y otros \u00a0 Accionantes: Carmen Elena Cordoba Moreno y otros \u00a0 Magistrado Ponente:\u00a0 \u00a0 Dr. MARCO GERARDO MONROY CABRA \u00a0 \u00a0 \u00a0 Bogot\u00e1, veintid\u00f3s (22) de marzo de dos mil uno (2001) \u00a0 SENTENCIA \u00a0 En ...<br \/><div class=\"pt-cv-rmwrap\"><a href=\"https:\/\/www.dmsjuridica.com\/buscador_20179478954\/corteconstitucionalcronologico202454587\/t-313-01\/\" class=\"_self pt-cv-readmore btn btn-success\" target=\"_self\">Ver Sentencia Completa...<\/a><\/div><\/div><\/div><\/div>\n<div class=\"col-md-12 col-sm-12 col-xs-12 pt-cv-content-item pt-cv-1-col\" ><div class='pt-cv-ifield'><a href=\"https:\/\/www.dmsjuridica.com\/buscador_20179478954\/corteconstitucionalcronologico202454587\/t-312-01\/\" class=\"_self pt-cv-href-thumbnail pt-cv-thumb-default\" target=\"_self\" ><\/a>\n<div class=\"pt-cv-taxoterm above_title\"><a href='https:\/\/www.dmsjuridica.com\/buscador_20179478954\/corteconstitucionalcronologico202454587\/category\/buscar-en-toda-la-corte\/2001\/tutelas-2001\/' title='Tutelas 2001' class='pt-cv-tax-tutelas-2001'>Tutelas 2001<\/a><\/div>\n<h4 class=\"pt-cv-title\"><a href=\"https:\/\/www.dmsjuridica.com\/buscador_20179478954\/corteconstitucionalcronologico202454587\/t-312-01\/\" class=\"_self\" target=\"_self\" >T-312-01<\/a><\/h4>\n<div class=\"pt-cv-content\">\u00a0 \u00a0 Sentencia T-312\/01 \u00a0 DERECHO AL PAGO OPORTUNO DEL SALARIO-Fundamental \u00a0 SALARIO-Noci\u00f3n \u00a0 ACCION DE TUTELA-Procedencia excepcional pago de salarios \u00a0 ACCION DE TUTELA-Pago de salarios actuales y futuros \u00a0 DERECHO AL PAGO OPORTUNO DEL SALARIO-Prueba directa o indirecta de situaci\u00f3n cr\u00edtica econ\u00f3mica y psicol\u00f3gica\/DERECHO AL PAGO OPORTUNO DEL SALARIO-Valoraci\u00f3n del perjuicio irremediable \u00a0 DERECHO AL MINIMO VITAL DEL TRABAJADOR-Pago oportuno de salarios \u00a0 El pago oportuno del salario es un derecho que debe permitir el desarrollo de un proyecto de vida digno, el ejercicio y la realizaci\u00f3n de los valores y prop\u00f3sitos de vida individuales y las aspiraciones ...<br \/><div class=\"pt-cv-rmwrap\"><a href=\"https:\/\/www.dmsjuridica.com\/buscador_20179478954\/corteconstitucionalcronologico202454587\/t-312-01\/\" class=\"_self pt-cv-readmore btn btn-success\" target=\"_self\">Ver Sentencia Completa...<\/a><\/div><\/div><\/div><\/div>\n<div class=\"col-md-12 col-sm-12 col-xs-12 pt-cv-content-item pt-cv-1-col\" ><div class='pt-cv-ifield'><a href=\"https:\/\/www.dmsjuridica.com\/buscador_20179478954\/corteconstitucionalcronologico202454587\/t-311-01\/\" class=\"_self pt-cv-href-thumbnail pt-cv-thumb-default\" target=\"_self\" ><\/a>\n<div class=\"pt-cv-taxoterm above_title\"><a href='https:\/\/www.dmsjuridica.com\/buscador_20179478954\/corteconstitucionalcronologico202454587\/category\/buscar-en-toda-la-corte\/2001\/tutelas-2001\/' title='Tutelas 2001' class='pt-cv-tax-tutelas-2001'>Tutelas 2001<\/a><\/div>\n<h4 class=\"pt-cv-title\"><a href=\"https:\/\/www.dmsjuridica.com\/buscador_20179478954\/corteconstitucionalcronologico202454587\/t-311-01\/\" class=\"_self\" target=\"_self\" >T-311-01<\/a><\/h4>\n<div class=\"pt-cv-content\">\u00a0 \u00a0 Sentencia T-311\/01 \u00a0 MUJER TRABAJADORA EMBARAZADA-Protecci\u00f3n constitucional especial \u00a0 DERECHO A LA ESTABILIDAD LABORAL REFORZADA DE MUJER EMBARAZADA-Despido previa autorizaci\u00f3n de la oficina de trabajo \u00a0 DERECHO A LA ESTABILIDAD LABORAL REFORZADA DE MUJER EMBARAZADA-Conocimiento por empleador de estado de gravidez con anterioridad al vencimiento del contrato de trabajo\u00a0 \u00a0 MEDIO DE DEFENSA JUDICIAL-Indemnizaci\u00f3n por despido de mujer embarazada \u00a0 MEDIO DE DEFENSA JUDICIAL-Definici\u00f3n de existencia y cuant\u00eda de obligaciones en dinero \u00a0 Referencia: expediente T-389.726 \u00a0 Peticionario: Ivonne Joana Guti\u00e9rrez \u00a0 Procedencia: Juzgado Segundo Civil del Circuito de Soacha (Cundinamarca) \u00a0 Magistrado Ponente: \u00a0 Dr. MARCO GERARDO ...<br \/><div class=\"pt-cv-rmwrap\"><a href=\"https:\/\/www.dmsjuridica.com\/buscador_20179478954\/corteconstitucionalcronologico202454587\/t-311-01\/\" class=\"_self pt-cv-readmore btn btn-success\" target=\"_self\">Ver Sentencia Completa...<\/a><\/div><\/div><\/div><\/div>\n<div class=\"col-md-12 col-sm-12 col-xs-12 pt-cv-content-item pt-cv-1-col\" ><div class='pt-cv-ifield'><a href=\"https:\/\/www.dmsjuridica.com\/buscador_20179478954\/corteconstitucionalcronologico202454587\/t-310-01\/\" class=\"_self pt-cv-href-thumbnail pt-cv-thumb-default\" target=\"_self\" ><\/a>\n<div class=\"pt-cv-taxoterm above_title\"><a href='https:\/\/www.dmsjuridica.com\/buscador_20179478954\/corteconstitucionalcronologico202454587\/category\/buscar-en-toda-la-corte\/2001\/tutelas-2001\/' title='Tutelas 2001' class='pt-cv-tax-tutelas-2001'>Tutelas 2001<\/a><\/div>\n<h4 class=\"pt-cv-title\"><a href=\"https:\/\/www.dmsjuridica.com\/buscador_20179478954\/corteconstitucionalcronologico202454587\/t-310-01\/\" class=\"_self\" target=\"_self\" >T-310-01<\/a><\/h4>\n<div class=\"pt-cv-content\">\u00a0 \u00a0 Sentencia T-310\/01 \u00a0 MEDIO DE DEFENSA JUDICIAL-Cuantificaci\u00f3n de perjuicios \u00a0 En este caso la peticionaria dispone de otro medio de defensa judicial, como es el recurso extraordinario de casaci\u00f3n, recurso que, de conformidad con la jurisprudencia de la Corte tiene una dimensi\u00f3n garantista de los derechos fundamentales y que en el caso concreto ser\u00eda adecuado para brindar plena satisfacci\u00f3n a las pretensiones de la peticionaria si ellas son procedentes. La aptitud del medio de defensa alternativo, en su apreciaci\u00f3n en concreto, resulta del hecho de que se trata en este caso de controvertir una sentencia judicial en punto ...<br \/><div class=\"pt-cv-rmwrap\"><a href=\"https:\/\/www.dmsjuridica.com\/buscador_20179478954\/corteconstitucionalcronologico202454587\/t-310-01\/\" class=\"_self pt-cv-readmore btn btn-success\" target=\"_self\">Ver Sentencia Completa...<\/a><\/div><\/div><\/div><\/div>\n<div class=\"col-md-12 col-sm-12 col-xs-12 pt-cv-content-item pt-cv-1-col\" ><div class='pt-cv-ifield'><a href=\"https:\/\/www.dmsjuridica.com\/buscador_20179478954\/corteconstitucionalcronologico202454587\/t-309-01\/\" class=\"_self pt-cv-href-thumbnail pt-cv-thumb-default\" target=\"_self\" ><\/a>\n<div class=\"pt-cv-taxoterm above_title\"><a href='https:\/\/www.dmsjuridica.com\/buscador_20179478954\/corteconstitucionalcronologico202454587\/category\/buscar-en-toda-la-corte\/2001\/tutelas-2001\/' title='Tutelas 2001' class='pt-cv-tax-tutelas-2001'>Tutelas 2001<\/a><\/div>\n<h4 class=\"pt-cv-title\"><a href=\"https:\/\/www.dmsjuridica.com\/buscador_20179478954\/corteconstitucionalcronologico202454587\/t-309-01\/\" class=\"_self\" target=\"_self\" >T-309-01<\/a><\/h4>\n<div class=\"pt-cv-content\">\u00a0 \u00a0 Sentencia T-309\/01 \u00a0 NOTIFICACION-Finalidad \u00a0 Las notificaciones como se sabe, constituyen un acto material de comunicaci\u00f3n, por medio de las cuales se pone en conocimiento de las partes o de terceros interesados, las decisiones que se profieren dentro de un proceso o tr\u00e1mite, ya sea judicial o administrativo, de tal suerte, que se puedan garantizar los principios de publicidad y contradicci\u00f3n y, \u201csobre todo, cumplen la funci\u00f3n de prevenir que se pueda afectar a alguna persona con una decisi\u00f3n sin haber sido o\u00edda, con violaci\u00f3n del principio constitucional al debido proceso consagrado en el art\u00edculo 29 de la ...<br \/><div class=\"pt-cv-rmwrap\"><a href=\"https:\/\/www.dmsjuridica.com\/buscador_20179478954\/corteconstitucionalcronologico202454587\/t-309-01\/\" class=\"_self pt-cv-readmore btn btn-success\" target=\"_self\">Ver Sentencia Completa...<\/a><\/div><\/div><\/div><\/div>\n<div class=\"col-md-12 col-sm-12 col-xs-12 pt-cv-content-item pt-cv-1-col\" ><div class='pt-cv-ifield'><a href=\"https:\/\/www.dmsjuridica.com\/buscador_20179478954\/corteconstitucionalcronologico202454587\/t-308-01\/\" class=\"_self pt-cv-href-thumbnail pt-cv-thumb-default\" target=\"_self\" ><\/a>\n<div class=\"pt-cv-taxoterm above_title\"><a href='https:\/\/www.dmsjuridica.com\/buscador_20179478954\/corteconstitucionalcronologico202454587\/category\/buscar-en-toda-la-corte\/2001\/tutelas-2001\/' title='Tutelas 2001' class='pt-cv-tax-tutelas-2001'>Tutelas 2001<\/a><\/div>\n<h4 class=\"pt-cv-title\"><a href=\"https:\/\/www.dmsjuridica.com\/buscador_20179478954\/corteconstitucionalcronologico202454587\/t-308-01\/\" class=\"_self\" target=\"_self\" >T-308-01<\/a><\/h4>\n<div class=\"pt-cv-content\">\u00a0 \u00a0 Sentencia T-308\/01 \u00a0 BONOS PENSIONALES-Pronta tramitaci\u00f3n \u00a0 Referencia: expediente T-413.282. \u00a0 Demandantes: Plinio Rodr\u00edguez \u00d1ustes.\u00a0 \u00a0 Demandado: Ministerio de Hacienda y Cr\u00e9dito P\u00fablico. \u00a0 Magistrado Ponente:\u00a0 \u00a0 Dr. ALFREDO BELTR\u00c1N SIERRA. \u00a0 Sentencia aprobada en Bogot\u00e1, a los veintid\u00f3s (22) d\u00edas del mes de marzo de dos mil uno (2001). \u00a0 La Sala Segunda de Revisi\u00f3n de la Corte Constitucional, integrada por los magistrados Alfredo Beltr\u00e1n Sierra, Manuel Jos\u00e9 Cepeda Espinosa y Jaime C\u00f3rdoba Trivi\u00f1o, en ejercicio de sus competencias constitucionales y legales, ha proferido la siguiente \u00a0 SENTENCIA \u00a0 en el proceso de revisi\u00f3n del fallo adoptado ...<br \/><div class=\"pt-cv-rmwrap\"><a href=\"https:\/\/www.dmsjuridica.com\/buscador_20179478954\/corteconstitucionalcronologico202454587\/t-308-01\/\" class=\"_self pt-cv-readmore btn btn-success\" target=\"_self\">Ver Sentencia Completa...<\/a><\/div><\/div><\/div><\/div>\n<div class=\"col-md-12 col-sm-12 col-xs-12 pt-cv-content-item pt-cv-1-col\" ><div class='pt-cv-ifield'><a href=\"https:\/\/www.dmsjuridica.com\/buscador_20179478954\/corteconstitucionalcronologico202454587\/t-307-01\/\" class=\"_self pt-cv-href-thumbnail pt-cv-thumb-default\" target=\"_self\" ><\/a>\n<div class=\"pt-cv-taxoterm above_title\"><a href='https:\/\/www.dmsjuridica.com\/buscador_20179478954\/corteconstitucionalcronologico202454587\/category\/buscar-en-toda-la-corte\/2001\/tutelas-2001\/' title='Tutelas 2001' class='pt-cv-tax-tutelas-2001'>Tutelas 2001<\/a><\/div>\n<h4 class=\"pt-cv-title\"><a href=\"https:\/\/www.dmsjuridica.com\/buscador_20179478954\/corteconstitucionalcronologico202454587\/t-307-01\/\" class=\"_self\" target=\"_self\" >T-307-01<\/a><\/h4>\n<div class=\"pt-cv-content\">\u00a0 \u00a0 Sentencia T-307\/01 \u00a0 ACCION DE TUTELA-Procedencia excepcional pago de acreencias laborales \u00a0 DERECHO AL MINIMO VITAL DEL PENSIONADO-Pago oportuno de mesadas \u00a0 EMPLEADOR-Situaci\u00f3n econ\u00f3mica o presupuestal no es \u00f3bice para desconocer pago de mesadas pensionales \u00a0 DERECHO AL MINIMO VITAL DEL PENSIONADO-Pago de mesadas actuales y futuras \u00a0 Referencia: expedientes T-413.218 y otros.\u00a0 \u00a0 Acci\u00f3n de tutela de Alba Mery Ram\u00edrez de Am\u00f3rtegui y otros, contra el Ministerio de Salud, Fondo Pasivo Prestacional del Sector Salud, y la Fundaci\u00f3n San Juan de Dios de Bogot\u00e1. \u00a0 Procedencia: Juzgado Cuarenta Penal Municipal de Bogot\u00e1, Juzgados Trece, Veintiocho, Treinta y ...<br \/><div class=\"pt-cv-rmwrap\"><a href=\"https:\/\/www.dmsjuridica.com\/buscador_20179478954\/corteconstitucionalcronologico202454587\/t-307-01\/\" class=\"_self pt-cv-readmore btn btn-success\" target=\"_self\">Ver Sentencia Completa...<\/a><\/div><\/div><\/div><\/div>\n<div class=\"col-md-12 col-sm-12 col-xs-12 pt-cv-content-item pt-cv-1-col\" ><div class='pt-cv-ifield'><a href=\"https:\/\/www.dmsjuridica.com\/buscador_20179478954\/corteconstitucionalcronologico202454587\/t-306-01\/\" class=\"_self pt-cv-href-thumbnail pt-cv-thumb-default\" target=\"_self\" ><\/a>\n<div class=\"pt-cv-taxoterm above_title\"><a href='https:\/\/www.dmsjuridica.com\/buscador_20179478954\/corteconstitucionalcronologico202454587\/category\/buscar-en-toda-la-corte\/2001\/tutelas-2001\/' title='Tutelas 2001' class='pt-cv-tax-tutelas-2001'>Tutelas 2001<\/a><\/div>\n<h4 class=\"pt-cv-title\"><a href=\"https:\/\/www.dmsjuridica.com\/buscador_20179478954\/corteconstitucionalcronologico202454587\/t-306-01\/\" class=\"_self\" target=\"_self\" >T-306-01<\/a><\/h4>\n<div class=\"pt-cv-content\">\u00a0 \u00a0 Sentencia T-306\/01 \u00a0 ACCION DE TUTELA-Procedencia excepcional pago de acreencias laborales\/DERECHO AL MINIMO VITAL DEL TRABAJADOR-Pago oportuno de salarios \u00a0 ESTABLECIMIENTO HOSPITALARIO-Situaci\u00f3n econ\u00f3mica o presupuestal no es \u00f3bice para desconocer obligaciones laborales \u00a0 Reiteraci\u00f3n de Jurisprudencia \u00a0 Referencia: expediente T-390859\u00a0 \u00a0 Acci\u00f3n de Tutela incoada por Ana Dolly L\u00f3pez Arias contra la E.S.E. Hospital San Fernando de Amag\u00e1, Antioquia. \u00a0 Magistrado Ponente\u00a0:\u00a0 \u00a0 Dr. RODRIGO ESCOBAR GIL \u00a0 Bogot\u00e1 D.C., veintidos (22) de marzo de dos mil uno (2001). \u00a0 La Sala Quinta de Revisi\u00f3n de Tutelas de la Corte Constitucional, compuesta por los Magistrados, Rodrigo Escobar Gil, ...<br \/><div class=\"pt-cv-rmwrap\"><a href=\"https:\/\/www.dmsjuridica.com\/buscador_20179478954\/corteconstitucionalcronologico202454587\/t-306-01\/\" class=\"_self pt-cv-readmore btn btn-success\" target=\"_self\">Ver Sentencia Completa...<\/a><\/div><\/div><\/div><\/div>\n<div class=\"col-md-12 col-sm-12 col-xs-12 pt-cv-content-item pt-cv-1-col\" ><div class='pt-cv-ifield'><a href=\"https:\/\/www.dmsjuridica.com\/buscador_20179478954\/corteconstitucionalcronologico202454587\/t-305-01\/\" class=\"_self pt-cv-href-thumbnail pt-cv-thumb-default\" target=\"_self\" ><\/a>\n<div class=\"pt-cv-taxoterm above_title\"><a href='https:\/\/www.dmsjuridica.com\/buscador_20179478954\/corteconstitucionalcronologico202454587\/category\/buscar-en-toda-la-corte\/2001\/tutelas-2001\/' title='Tutelas 2001' class='pt-cv-tax-tutelas-2001'>Tutelas 2001<\/a><\/div>\n<h4 class=\"pt-cv-title\"><a href=\"https:\/\/www.dmsjuridica.com\/buscador_20179478954\/corteconstitucionalcronologico202454587\/t-305-01\/\" class=\"_self\" target=\"_self\" >T-305-01<\/a><\/h4>\n<div class=\"pt-cv-content\">\u00a0 \u00a0 Sentencia T-305\/01 \u00a0 INAPLICACION DE NORMAS DEL PLAN OBLIGATORIO DE SALUD-Suministro de aud\u00edfonos y zapatos ortop\u00e9dicos \u00a0a persona de la tercera edad \u00a0 DERECHO A LA SALUD-Fundamental por conexidad con la vida\/DERECHO A LA SALUD-Mejoramiento calidad de vida \u00a0 Referencia: expediente T- 392803 \u00a0 Acci\u00f3n de tutela instaurada por Isidro Rey contra CAJANAL, Seccional Villavicencio. \u00a0 Magistrado Ponente:\u00a0 \u00a0 Dr. RODRIGO ESCOBAR GIL \u00a0 Bogot\u00e1, D.C., veintidos (22) de marzo de dos mil uno (2001). \u00a0 La Sala Quinta de Revisi\u00f3n de la Corte Constitucional, en ejercicio de sus competencias constitucionales y legales, en particular las contenidas en ...<br \/><div class=\"pt-cv-rmwrap\"><a href=\"https:\/\/www.dmsjuridica.com\/buscador_20179478954\/corteconstitucionalcronologico202454587\/t-305-01\/\" class=\"_self pt-cv-readmore btn btn-success\" target=\"_self\">Ver Sentencia Completa...<\/a><\/div><\/div><\/div><\/div>\n<div class=\"col-md-12 col-sm-12 col-xs-12 pt-cv-content-item pt-cv-1-col\" ><div class='pt-cv-ifield'><a href=\"https:\/\/www.dmsjuridica.com\/buscador_20179478954\/corteconstitucionalcronologico202454587\/t-302-01\/\" class=\"_self pt-cv-href-thumbnail pt-cv-thumb-default\" target=\"_self\" ><\/a>\n<div class=\"pt-cv-taxoterm above_title\"><a href='https:\/\/www.dmsjuridica.com\/buscador_20179478954\/corteconstitucionalcronologico202454587\/category\/buscar-en-toda-la-corte\/2001\/tutelas-2001\/' title='Tutelas 2001' class='pt-cv-tax-tutelas-2001'>Tutelas 2001<\/a><\/div>\n<h4 class=\"pt-cv-title\"><a href=\"https:\/\/www.dmsjuridica.com\/buscador_20179478954\/corteconstitucionalcronologico202454587\/t-302-01\/\" class=\"_self\" target=\"_self\" >T-302-01<\/a><\/h4>\n<div class=\"pt-cv-content\">\u00a0 \u00a0 Sentencia T-302\/01 \u00a0 ACCION DE TUTELA-Hecho superado \u00a0 Reiteraci\u00f3n de Jurisprudencia \u00a0 Referencia: expediente T-343818 \u00a0 Acci\u00f3n de tutela instaurada por Elis Regina Alvarez Torres contra COOMEVA E.P.S. \u00a0 Magistrada Ponente: \u00a0 Dra. CLARA IN\u00c9S VARGAS HERN\u00c1NDEZ \u00a0 Bogot\u00e1, D.C., veintiuno (21) de marzo de dos mil uno (2001). \u00a0\u00a0 \u00a0 La Sala Novena de Revisi\u00f3n de Tutelas de la Corte Constitucional en ejercicio de sus competencias constitucionales y legales, ha proferido la siguiente \u00a0 SENTENCIA \u00a0 dentro del proceso de revisi\u00f3n de los fallos de 3 de marzo de 2000 proferido por el Juzgado Primero Laboral del ...<br \/><div class=\"pt-cv-rmwrap\"><a href=\"https:\/\/www.dmsjuridica.com\/buscador_20179478954\/corteconstitucionalcronologico202454587\/t-302-01\/\" class=\"_self pt-cv-readmore btn btn-success\" target=\"_self\">Ver Sentencia Completa...<\/a><\/div><\/div><\/div><\/div>\n<div class=\"col-md-12 col-sm-12 col-xs-12 pt-cv-content-item pt-cv-1-col\" ><div class='pt-cv-ifield'><a href=\"https:\/\/www.dmsjuridica.com\/buscador_20179478954\/corteconstitucionalcronologico202454587\/t-301-01\/\" class=\"_self pt-cv-href-thumbnail pt-cv-thumb-default\" target=\"_self\" ><\/a>\n<div class=\"pt-cv-taxoterm above_title\"><a href='https:\/\/www.dmsjuridica.com\/buscador_20179478954\/corteconstitucionalcronologico202454587\/category\/buscar-en-toda-la-corte\/2001\/tutelas-2001\/' title='Tutelas 2001' class='pt-cv-tax-tutelas-2001'>Tutelas 2001<\/a><\/div>\n<h4 class=\"pt-cv-title\"><a href=\"https:\/\/www.dmsjuridica.com\/buscador_20179478954\/corteconstitucionalcronologico202454587\/t-301-01\/\" class=\"_self\" target=\"_self\" >T-301-01<\/a><\/h4>\n<div class=\"pt-cv-content\">\u00a0 \u00a0 Sentencia T-301\/01 \u00a0 PENSION DE JUBILACION-Incompatible con pensi\u00f3n de vejez \u00a0 PRINCIPIO DE UNIDAD Y UNIVERSALIDAD DE LAS PRESTACIONES-Pensionado no puede pretender duplicidad o acumulaci\u00f3n de beneficios \u00a0 ACCION DE TUTELA-Improcedencia por no afectaci\u00f3n del m\u00ednimo vital \u00a0 MEDIO DE DEFENSA JUDICIAL-Controversia sobre disminuci\u00f3n en el monto de la pensi\u00f3n \u00a0 Reiteraci\u00f3n de jurisprudencia \u00a0 Referencia: expediente T-395533 \u00a0 Acci\u00f3n de tutela instaurada por Ricardo Enrique Caballero Palacio contra Electrificadora de la Costa Atl\u00e1ntica S.A. ELECTROCOSTA E.S.P y Electrificadora del Caribe S.A., ELECTRICARIBE E.S.P. \u00a0 Magistrada Ponente: \u00a0 Dra. CLARA IN\u00c9S VARGAS HERN\u00c1NDEZ \u00a0 Bogot\u00e1, D.C., a los ...<br \/><div class=\"pt-cv-rmwrap\"><a href=\"https:\/\/www.dmsjuridica.com\/buscador_20179478954\/corteconstitucionalcronologico202454587\/t-301-01\/\" class=\"_self pt-cv-readmore btn btn-success\" target=\"_self\">Ver Sentencia Completa...<\/a><\/div><\/div><\/div><\/div>\n<div class=\"col-md-12 col-sm-12 col-xs-12 pt-cv-content-item pt-cv-1-col\" ><div class='pt-cv-ifield'><a href=\"https:\/\/www.dmsjuridica.com\/buscador_20179478954\/corteconstitucionalcronologico202454587\/t-300-01\/\" class=\"_self pt-cv-href-thumbnail pt-cv-thumb-default\" target=\"_self\" ><\/a>\n<div class=\"pt-cv-taxoterm above_title\"><a href='https:\/\/www.dmsjuridica.com\/buscador_20179478954\/corteconstitucionalcronologico202454587\/category\/buscar-en-toda-la-corte\/2001\/tutelas-2001\/' title='Tutelas 2001' class='pt-cv-tax-tutelas-2001'>Tutelas 2001<\/a><\/div>\n<h4 class=\"pt-cv-title\"><a href=\"https:\/\/www.dmsjuridica.com\/buscador_20179478954\/corteconstitucionalcronologico202454587\/t-300-01\/\" class=\"_self\" target=\"_self\" >T-300-01<\/a><\/h4>\n<div class=\"pt-cv-content\">\u00a0 \u00a0 Sentencia T-300\/01 \u00a0 DERECHO DE PETICION-N\u00facleo esencial \u00a0 DERECHO A LA SALUD-Conexidad con la vida \u00a0 INAPLICACION DE NORMAS DEL PLAN OBLIGATORIO DE SALUD-Casos en que procede por exclusi\u00f3n de tratamientos y medicamentos de alto costo \u00a0 ACCION DE TUTELA-Improcedencia por no estar en conexidad salud con vida\/SISBEN-Exclusi\u00f3n del grupo de poblaci\u00f3n m\u00e1s pobre y vulnerable \u00a0 Reiteraci\u00f3n de Jurisprudencia \u00a0 Referencia: expediente T-350267 \u00a0 Acci\u00f3n de tutela instaurada por Mar\u00eda Eugenia Moreno de Ram\u00edrez contra la Secretar\u00eda de Salud de Bogot\u00e1. \u00a0 Magistrada Ponente: \u00a0 Dra. CLARA IN\u00c9S VARGAS HERN\u00c1NDEZ \u00a0 Bogot\u00e1, D.C., veintiuno (21) de marzo ...<br \/><div class=\"pt-cv-rmwrap\"><a href=\"https:\/\/www.dmsjuridica.com\/buscador_20179478954\/corteconstitucionalcronologico202454587\/t-300-01\/\" class=\"_self pt-cv-readmore btn btn-success\" target=\"_self\">Ver Sentencia Completa...<\/a><\/div><\/div><\/div><\/div>\n<div class=\"col-md-12 col-sm-12 col-xs-12 pt-cv-content-item pt-cv-1-col\" ><div class='pt-cv-ifield'><a href=\"https:\/\/www.dmsjuridica.com\/buscador_20179478954\/corteconstitucionalcronologico202454587\/t-299-01\/\" class=\"_self pt-cv-href-thumbnail pt-cv-thumb-default\" target=\"_self\" ><\/a>\n<div class=\"pt-cv-taxoterm above_title\"><a href='https:\/\/www.dmsjuridica.com\/buscador_20179478954\/corteconstitucionalcronologico202454587\/category\/buscar-en-toda-la-corte\/2001\/tutelas-2001\/' title='Tutelas 2001' class='pt-cv-tax-tutelas-2001'>Tutelas 2001<\/a><\/div>\n<h4 class=\"pt-cv-title\"><a href=\"https:\/\/www.dmsjuridica.com\/buscador_20179478954\/corteconstitucionalcronologico202454587\/t-299-01\/\" class=\"_self\" target=\"_self\" >T-299-01<\/a><\/h4>\n<div class=\"pt-cv-content\">\u00a0 \u00a0 Sentencia T-299\/01 \u00a0 AGENCIA OFICIOSA EN TUTELA-Requisitos para la representaci\u00f3n \u00a0 Reiteraci\u00f3n de Jurisprudencia \u00a0 Referencia: expediente T-341947 \u00a0 Acci\u00f3n de tutela instaurada por Rosario C\u00f3rdoba de Santacruz contra Emssanar E.S.S. \u00a0 Magistrada Ponente: \u00a0 Dra. CLARA IN\u00c9S VARGAS HERN\u00c1NDEZ \u00a0 Bogot\u00e1, D.C., veintiuno (21) de marzo de dos mil uno (2001). \u00a0\u00a0 \u00a0 La Sala Novena de Revisi\u00f3n de Tutelas de la Corte Constitucional en ejercicio de sus competencias constitucionales y legales, ha proferido la siguiente \u00a0 dentro del proceso de revisi\u00f3n del fallo de 5 de abril de 2000 proferido por el Juzgado Segundo Laboral del ...<br \/><div class=\"pt-cv-rmwrap\"><a href=\"https:\/\/www.dmsjuridica.com\/buscador_20179478954\/corteconstitucionalcronologico202454587\/t-299-01\/\" class=\"_self pt-cv-readmore btn btn-success\" target=\"_self\">Ver Sentencia Completa...<\/a><\/div><\/div><\/div><\/div>\n<div class=\"col-md-12 col-sm-12 col-xs-12 pt-cv-content-item pt-cv-1-col\" ><div class='pt-cv-ifield'><a href=\"https:\/\/www.dmsjuridica.com\/buscador_20179478954\/corteconstitucionalcronologico202454587\/t-298-01\/\" class=\"_self pt-cv-href-thumbnail pt-cv-thumb-default\" target=\"_self\" ><\/a>\n<div class=\"pt-cv-taxoterm above_title\"><a href='https:\/\/www.dmsjuridica.com\/buscador_20179478954\/corteconstitucionalcronologico202454587\/category\/buscar-en-toda-la-corte\/2001\/tutelas-2001\/' title='Tutelas 2001' class='pt-cv-tax-tutelas-2001'>Tutelas 2001<\/a><\/div>\n<h4 class=\"pt-cv-title\"><a href=\"https:\/\/www.dmsjuridica.com\/buscador_20179478954\/corteconstitucionalcronologico202454587\/t-298-01\/\" class=\"_self\" target=\"_self\" >T-298-01<\/a><\/h4>\n<div class=\"pt-cv-content\">\u00a0 \u00a0 Sentencia T-298\/01 \u00a0 INAPLICACION DE NORMAS DEL PLAN OBLIGATORIO DE SALUD-Periodo m\u00ednimo de cotizaci\u00f3n para acceder a tratamientos e intervenciones \u00a0 INAPLICACION DE NORMAS DEL PLAN OBLIGATORIO DE SALUD-Casos en que procede por exclusi\u00f3n de tratamientos y medicamentos de alto costo \u00a0 ENTIDAD PROMOTORA DE SALUD-Autorizaci\u00f3n de cirug\u00eda abdominal \u00a0 ENTIDAD PROMOTORA DE SALUD-Repetici\u00f3n contra el FOSYGA \u00a0 Reiteraci\u00f3n de Jurisprudencia \u00a0 Referencia: expediente T-348918 \u00a0 Acci\u00f3n de tutela instaurada por Gloria In\u00e9s Gil V\u00e9lez contra SUSALUD E.P.S. \u00a0 Magistrada Ponente: \u00a0 Dra. CLARA IN\u00c9S VARGAS HERN\u00c1NDEZ \u00a0 Bogot\u00e1, D.C., veintiuno (21) de marzo de dos mil uno ...<br \/><div class=\"pt-cv-rmwrap\"><a href=\"https:\/\/www.dmsjuridica.com\/buscador_20179478954\/corteconstitucionalcronologico202454587\/t-298-01\/\" class=\"_self pt-cv-readmore btn btn-success\" target=\"_self\">Ver Sentencia Completa...<\/a><\/div><\/div><\/div><\/div>\n<div class=\"col-md-12 col-sm-12 col-xs-12 pt-cv-content-item pt-cv-1-col\" ><div class='pt-cv-ifield'><a href=\"https:\/\/www.dmsjuridica.com\/buscador_20179478954\/corteconstitucionalcronologico202454587\/t-297-01\/\" class=\"_self pt-cv-href-thumbnail pt-cv-thumb-default\" target=\"_self\" ><\/a>\n<div class=\"pt-cv-taxoterm above_title\"><a href='https:\/\/www.dmsjuridica.com\/buscador_20179478954\/corteconstitucionalcronologico202454587\/category\/buscar-en-toda-la-corte\/2001\/tutelas-2001\/' title='Tutelas 2001' class='pt-cv-tax-tutelas-2001'>Tutelas 2001<\/a><\/div>\n<h4 class=\"pt-cv-title\"><a href=\"https:\/\/www.dmsjuridica.com\/buscador_20179478954\/corteconstitucionalcronologico202454587\/t-297-01\/\" class=\"_self\" target=\"_self\" >T-297-01<\/a><\/h4>\n<div class=\"pt-cv-content\">\u00a0 \u00a0 Sentencia T-297\/01 \u00a0 ENFERMEDADES CATASTROFICAS O RUINOSAS-Inicio de tratamiento por EPS sin cumplir periodo m\u00ednimo de cotizaci\u00f3n \u00a0 ENFERMEDADES CATASTROFICAS O RUINOSAS-Tratamiento de quimioterapia por EPS \u00a0 Referencia: expediente T-392211 \u00a0 Acci\u00f3n de tutela instaurada por Mar\u00eda Marlene Areiza de Celis contra Saludcoop E.P.S. O.C., Seccional Antioquia. \u00a0 Magistrada Ponente: \u00a0 Dra. CLARA INES VARGAS HERNANDEZ \u00a0 Bogot\u00e1 D.C., marzo veintiuno (21) del a\u00f1o dos mil uno (2001) \u00a0 La Sala Novena de Revisi\u00f3n de Tutelas de la Corte Constitucional, integrada por los Magistrados CLARA INES VARGAS HERNANDEZ, JAIME ARAUJO RENTERIA y ALFREDO BELTRAN SIERRA, en ejercicio de ...<br \/><div class=\"pt-cv-rmwrap\"><a href=\"https:\/\/www.dmsjuridica.com\/buscador_20179478954\/corteconstitucionalcronologico202454587\/t-297-01\/\" class=\"_self pt-cv-readmore btn btn-success\" target=\"_self\">Ver Sentencia Completa...<\/a><\/div><\/div><\/div><\/div>\n<div class=\"col-md-12 col-sm-12 col-xs-12 pt-cv-content-item pt-cv-1-col\" ><div class='pt-cv-ifield'><a href=\"https:\/\/www.dmsjuridica.com\/buscador_20179478954\/corteconstitucionalcronologico202454587\/t-296-01\/\" class=\"_self pt-cv-href-thumbnail pt-cv-thumb-default\" target=\"_self\" ><\/a>\n<div class=\"pt-cv-taxoterm above_title\"><a href='https:\/\/www.dmsjuridica.com\/buscador_20179478954\/corteconstitucionalcronologico202454587\/category\/buscar-en-toda-la-corte\/2001\/tutelas-2001\/' title='Tutelas 2001' class='pt-cv-tax-tutelas-2001'>Tutelas 2001<\/a><\/div>\n<h4 class=\"pt-cv-title\"><a href=\"https:\/\/www.dmsjuridica.com\/buscador_20179478954\/corteconstitucionalcronologico202454587\/t-296-01\/\" class=\"_self\" target=\"_self\" >T-296-01<\/a><\/h4>\n<div class=\"pt-cv-content\">\u00a0 \u00a0 Sentencia T-296\/01 \u00a0 ACCION DE TUTELA-Naturaleza \u00a0 JUEZ CONSTITUCIONAL-Improcedencia para sustituir a las autoridades en las competencias asignadas por la Constituci\u00f3n Pol\u00edtica \u00a0 GOBIERNO NACIONAL-Formulaci\u00f3n anual del presupuesto y ley de apropiaciones\/JUEZ DE TUTELA-Imposibilidad de modificar presupuesto para incremento salarial de servidores p\u00fablicos \u00a0 ACCION DE TUTELA TRANSITORIA-Improcedencia incremento salarial para servidores p\u00fablicos \u00a0 Referencia: expedientes acumulados T-419065, T-419067 y T-421066 \u00a0 Acciones de tutela incoadas por Marta Luz Mesa Escobar V\u00e9lez y otros contra Naci\u00f3n, los ministerios de Hacienda y Cr\u00e9dito P\u00fablico y Educaci\u00f3n y el Departamento Administrativo de la Funci\u00f3n P\u00fablica \u00a0 Magistrado Ponente: \u00a0 Dr ...<br \/><div class=\"pt-cv-rmwrap\"><a href=\"https:\/\/www.dmsjuridica.com\/buscador_20179478954\/corteconstitucionalcronologico202454587\/t-296-01\/\" class=\"_self pt-cv-readmore btn btn-success\" target=\"_self\">Ver Sentencia Completa...<\/a><\/div><\/div><\/div><\/div>\n<div class=\"col-md-12 col-sm-12 col-xs-12 pt-cv-content-item pt-cv-1-col\" ><div class='pt-cv-ifield'><a href=\"https:\/\/www.dmsjuridica.com\/buscador_20179478954\/corteconstitucionalcronologico202454587\/t-295-01\/\" class=\"_self pt-cv-href-thumbnail pt-cv-thumb-default\" target=\"_self\" ><\/a>\n<div class=\"pt-cv-taxoterm above_title\"><a href='https:\/\/www.dmsjuridica.com\/buscador_20179478954\/corteconstitucionalcronologico202454587\/category\/buscar-en-toda-la-corte\/2001\/tutelas-2001\/' title='Tutelas 2001' class='pt-cv-tax-tutelas-2001'>Tutelas 2001<\/a><\/div>\n<h4 class=\"pt-cv-title\"><a href=\"https:\/\/www.dmsjuridica.com\/buscador_20179478954\/corteconstitucionalcronologico202454587\/t-295-01\/\" class=\"_self\" target=\"_self\" >T-295-01<\/a><\/h4>\n<div class=\"pt-cv-content\">\u00a0 \u00a0 Sentencia T-295\/01 \u00a0 DERECHO AL PAGO OPORTUNO DEL SALARIO-Fundamental \u00a0 ESTABLECIMIENTO HOSPITALARIO-Situaci\u00f3n econ\u00f3mica o presupuestal no es \u00f3bice para desconocer obligaciones laborales\/DERECHO AL MINIMO VITAL DEL TRABAJADOR-Pago oportuno de salarios \u00a0 SUBSIDIO FAMILIAR-Improcedencia de tutela por falta de prueba en la edad de los hijos \u00a0 Referencia: expediente T-393841 \u00a0 Acci\u00f3n de tutela incoada por Luis Eduardo Salazar D\u00edaz contra el Hospital Federico Lleras Acosta\u00a0 \u00a0 Magistrado Ponente: \u00a0 Dr. JAIME C\u00d3RDOBA TRIVI\u00d1O \u00a0 Bogot\u00e1, D.C., veinte (20) de \u00a0marzo de dos mil uno (2001). \u00a0 La Sala Cuarta de Revisi\u00f3n de la Corte Constitucional, en ejercicio de ...<br \/><div class=\"pt-cv-rmwrap\"><a href=\"https:\/\/www.dmsjuridica.com\/buscador_20179478954\/corteconstitucionalcronologico202454587\/t-295-01\/\" class=\"_self pt-cv-readmore btn btn-success\" target=\"_self\">Ver Sentencia Completa...<\/a><\/div><\/div><\/div><\/div>\n<div class=\"col-md-12 col-sm-12 col-xs-12 pt-cv-content-item pt-cv-1-col\" ><div class='pt-cv-ifield'><a href=\"https:\/\/www.dmsjuridica.com\/buscador_20179478954\/corteconstitucionalcronologico202454587\/t-294-01\/\" class=\"_self pt-cv-href-thumbnail pt-cv-thumb-default\" target=\"_self\" ><\/a>\n<div class=\"pt-cv-taxoterm above_title\"><a href='https:\/\/www.dmsjuridica.com\/buscador_20179478954\/corteconstitucionalcronologico202454587\/category\/buscar-en-toda-la-corte\/2001\/tutelas-2001\/' title='Tutelas 2001' class='pt-cv-tax-tutelas-2001'>Tutelas 2001<\/a><\/div>\n<h4 class=\"pt-cv-title\"><a href=\"https:\/\/www.dmsjuridica.com\/buscador_20179478954\/corteconstitucionalcronologico202454587\/t-294-01\/\" class=\"_self\" target=\"_self\" >T-294-01<\/a><\/h4>\n<div class=\"pt-cv-content\">\u00a0 \u00a0 Sentencia T-294\/01 \u00a0 ACCION DE TUTELA-Procedencia excepcional pago de acreencias laborales \u00a0 DERECHO AL MINIMO VITAL DEL TRABAJADOR-Presunci\u00f3n de afectaci\u00f3n por ausencia prolongada en pago de salarios \u00a0 DERECHO AL MINIMO VITAL DEL TRABAJADOR-No afectaci\u00f3n por no pago de primas complementarias de salario a educadores \u00a0 Referencia: expediente T-389388\u00a0 \u00a0 Acci\u00f3n de tutela incoada por Moreno Arriaga Nelly Mar\u00eda y otros contra el Departamento de Antioquia. \u00a0 Magistrado Ponente: \u00a0 Dr. JAIME ARAUJO RENTER\u00cdA \u00a0 Bogot\u00e1, D.C., diecis\u00e9is (16) de marzo de dos mil uno (2001). \u00a0 La Sala Primera de Revisi\u00f3n de la Corte Constitucional, en ejercicio ...<br \/><div class=\"pt-cv-rmwrap\"><a href=\"https:\/\/www.dmsjuridica.com\/buscador_20179478954\/corteconstitucionalcronologico202454587\/t-294-01\/\" class=\"_self pt-cv-readmore btn btn-success\" target=\"_self\">Ver Sentencia Completa...<\/a><\/div><\/div><\/div><\/div>\n<div class=\"col-md-12 col-sm-12 col-xs-12 pt-cv-content-item pt-cv-1-col\" ><div class='pt-cv-ifield'><a href=\"https:\/\/www.dmsjuridica.com\/buscador_20179478954\/corteconstitucionalcronologico202454587\/t-293-01\/\" class=\"_self pt-cv-href-thumbnail pt-cv-thumb-default\" target=\"_self\" ><\/a>\n<div class=\"pt-cv-taxoterm above_title\"><a href='https:\/\/www.dmsjuridica.com\/buscador_20179478954\/corteconstitucionalcronologico202454587\/category\/buscar-en-toda-la-corte\/2001\/tutelas-2001\/' title='Tutelas 2001' class='pt-cv-tax-tutelas-2001'>Tutelas 2001<\/a><\/div>\n<h4 class=\"pt-cv-title\"><a href=\"https:\/\/www.dmsjuridica.com\/buscador_20179478954\/corteconstitucionalcronologico202454587\/t-293-01\/\" class=\"_self\" target=\"_self\" >T-293-01<\/a><\/h4>\n<div class=\"pt-cv-content\">\u00a0 \u00a0 Sentencia T-293\/01 \u00a0 ACCION DE TUTELA-Naturaleza \u00a0 JUEZ CONSTITUCIONAL-Improcedencia para sustituir a las autoridades en las competencias asignadas por la Constituci\u00f3n Pol\u00edtica \u00a0 GOBIERNO NACIONAL-Formulaci\u00f3n anual del presupuesto y ley de apropiaciones\/JUEZ DE TUTELA-Imposibilidad de modificar presupuesto para incremento salarial de servidores p\u00fablicos \u00a0 ACCION DE TUTELA COMO TRANSITORIA-Improcedencia incremento salarial para servidores p\u00fablicos \u00a0 Reiteraci\u00f3n de Jurisprudencia \u00a0 Referencia: expedientes acumulados T- 386 340 - 386 341 - 387 250 - 387 251 - 387 253 - 388 172 - 388 504 - 388 627 - 388 796 - 388 797 - 388 798 - 388 799 ...<br \/><div class=\"pt-cv-rmwrap\"><a href=\"https:\/\/www.dmsjuridica.com\/buscador_20179478954\/corteconstitucionalcronologico202454587\/t-293-01\/\" class=\"_self pt-cv-readmore btn btn-success\" target=\"_self\">Ver Sentencia Completa...<\/a><\/div><\/div><\/div><\/div>\n<div class=\"col-md-12 col-sm-12 col-xs-12 pt-cv-content-item pt-cv-1-col\" ><div class='pt-cv-ifield'><a href=\"https:\/\/www.dmsjuridica.com\/buscador_20179478954\/corteconstitucionalcronologico202454587\/t-291-01\/\" class=\"_self pt-cv-href-thumbnail pt-cv-thumb-default\" target=\"_self\" ><\/a>\n<div class=\"pt-cv-taxoterm above_title\"><a href='https:\/\/www.dmsjuridica.com\/buscador_20179478954\/corteconstitucionalcronologico202454587\/category\/buscar-en-toda-la-corte\/2001\/tutelas-2001\/' title='Tutelas 2001' class='pt-cv-tax-tutelas-2001'>Tutelas 2001<\/a><\/div>\n<h4 class=\"pt-cv-title\"><a href=\"https:\/\/www.dmsjuridica.com\/buscador_20179478954\/corteconstitucionalcronologico202454587\/t-291-01\/\" class=\"_self\" target=\"_self\" >T-291-01<\/a><\/h4>\n<div class=\"pt-cv-content\">\u00a0 \u00a0 Sentencia T-291\/01\u00a0 \u00a0 ACCION DE TUTELA-Improcedencia general sobre controversias laborales \u00a0 MEDIO DE DEFENSA JUDICIAL-Controversias laborales \u00a0 MEDIO DE DEFENSA JUDICIAL EFICAZ-Legalidad sobre sanci\u00f3n disciplinaria impuesta por empleador \u00a0 Referencia: expediente T-325.643 \u00a0 Acci\u00f3n de tutela instaurada por Mar\u00eda Eugenia Alzate Guzm\u00e1n contra la Cooperativa Empresa Solidaria de Salud de Buenaventura COOPESALUD \u00a0 Magistrado Ponente:\u00a0 \u00a0 Dr. ALVARO TAFUR GALVIS \u00a0 Bogot\u00e1, D. C., quince (15) de marzo del a\u00f1o dos mil uno(2001). \u00a0 La Sala Octava de Revisi\u00f3n de la Corte Constitucional, integrada por los magistrados Jaime Araujo Renter\u00eda, Alvaro Tafur Galvis y Clara In\u00e9s Vargas Hern\u00e1ndez, ...<br \/><div class=\"pt-cv-rmwrap\"><a href=\"https:\/\/www.dmsjuridica.com\/buscador_20179478954\/corteconstitucionalcronologico202454587\/t-291-01\/\" class=\"_self pt-cv-readmore btn btn-success\" target=\"_self\">Ver Sentencia Completa...<\/a><\/div><\/div><\/div><\/div>\n<div class=\"col-md-12 col-sm-12 col-xs-12 pt-cv-content-item pt-cv-1-col\" ><div class='pt-cv-ifield'><a href=\"https:\/\/www.dmsjuridica.com\/buscador_20179478954\/corteconstitucionalcronologico202454587\/t-290-01\/\" class=\"_self pt-cv-href-thumbnail pt-cv-thumb-default\" target=\"_self\" ><\/a>\n<div class=\"pt-cv-taxoterm above_title\"><a href='https:\/\/www.dmsjuridica.com\/buscador_20179478954\/corteconstitucionalcronologico202454587\/category\/buscar-en-toda-la-corte\/2001\/tutelas-2001\/' title='Tutelas 2001' class='pt-cv-tax-tutelas-2001'>Tutelas 2001<\/a><\/div>\n<h4 class=\"pt-cv-title\"><a href=\"https:\/\/www.dmsjuridica.com\/buscador_20179478954\/corteconstitucionalcronologico202454587\/t-290-01\/\" class=\"_self\" target=\"_self\" >T-290-01<\/a><\/h4>\n<div class=\"pt-cv-content\">\u00a0 \u00a0 Sentencia T-290\/01 \u00a0 JUEZ CONSTITUCIONAL-Improcedencia para sustituir a las autoridades en las competencias asignadas por la Constituci\u00f3n Pol\u00edtica \u00a0 JUEZ DE TUTELA-Imposibilidad de modificar presupuesto para incremento salarial de servidores p\u00fablicos \u00a0 ACCION DE TUTELA TRANSITORIA-Improcedencia incremento salarial para servidores p\u00fablicos \u00a0 Referencia: expediente T-386.588 \u00a0 Peticionario: Elizabeth Mosquera Mena y otros\u00a0 \u00a0 Procedencia: Juzgado Segundo Civil del Circuito de Quibd\u00f3 (Choc\u00f3) \u00a0 Magistrado Ponente: \u00a0 Dr. MARCO GERARDO MONROY CABRA \u00a0 La Sala Sexta de Revisi\u00f3n de tutelas de la Corte Constitucional, conformada por los magistrados Dr. Marco Gerardo Monroy Cabra, Eduardo Montealegre Lynett y Alvaro Tafur ...<br \/><div class=\"pt-cv-rmwrap\"><a href=\"https:\/\/www.dmsjuridica.com\/buscador_20179478954\/corteconstitucionalcronologico202454587\/t-290-01\/\" class=\"_self pt-cv-readmore btn btn-success\" target=\"_self\">Ver Sentencia Completa...<\/a><\/div><\/div><\/div><\/div>\n<div class=\"col-md-12 col-sm-12 col-xs-12 pt-cv-content-item pt-cv-1-col\" ><div class='pt-cv-ifield'><a href=\"https:\/\/www.dmsjuridica.com\/buscador_20179478954\/corteconstitucionalcronologico202454587\/t-289-01\/\" class=\"_self pt-cv-href-thumbnail pt-cv-thumb-default\" target=\"_self\" ><\/a>\n<div class=\"pt-cv-taxoterm above_title\"><a href='https:\/\/www.dmsjuridica.com\/buscador_20179478954\/corteconstitucionalcronologico202454587\/category\/buscar-en-toda-la-corte\/2001\/tutelas-2001\/' title='Tutelas 2001' class='pt-cv-tax-tutelas-2001'>Tutelas 2001<\/a><\/div>\n<h4 class=\"pt-cv-title\"><a href=\"https:\/\/www.dmsjuridica.com\/buscador_20179478954\/corteconstitucionalcronologico202454587\/t-289-01\/\" class=\"_self\" target=\"_self\" >T-289-01<\/a><\/h4>\n<div class=\"pt-cv-content\">\u00a0 \u00a0 Sentencia T-289\/01 \u00a0 DERECHO A LA SALUD-Incorpora el derecho al diagn\u00f3stico \u00a0 ENTIDAD DE SEGURIDAD SOCIAL-Negligencia en la pr\u00e1ctica oportuna de ex\u00e1menes ordenados \u00a0 La entidad de seguridad social es responsable por negligencia, si no practica en forma oportuna y satisfactoria los ex\u00e1menes que sus propios m\u00e9dicos hayan ordenado. Sobre la base de su incumplimiento - que significa en realidad violaci\u00f3n o amenaza de derechos fundamentales, seg\u00fan el caso -, no puede culpar a aqu\u00e9llos por las deficiencias que acuse la prestaci\u00f3n del servicio, ni le es posible eludir las consecuencias jur\u00eddicas, en especial las de tutela y ...<br \/><div class=\"pt-cv-rmwrap\"><a href=\"https:\/\/www.dmsjuridica.com\/buscador_20179478954\/corteconstitucionalcronologico202454587\/t-289-01\/\" class=\"_self pt-cv-readmore btn btn-success\" target=\"_self\">Ver Sentencia Completa...<\/a><\/div><\/div><\/div><\/div>\n<div class=\"col-md-12 col-sm-12 col-xs-12 pt-cv-content-item pt-cv-1-col\" ><div class='pt-cv-ifield'><a href=\"https:\/\/www.dmsjuridica.com\/buscador_20179478954\/corteconstitucionalcronologico202454587\/t-288-01\/\" class=\"_self pt-cv-href-thumbnail pt-cv-thumb-default\" target=\"_self\" ><\/a>\n<div class=\"pt-cv-taxoterm above_title\"><a href='https:\/\/www.dmsjuridica.com\/buscador_20179478954\/corteconstitucionalcronologico202454587\/category\/buscar-en-toda-la-corte\/2001\/tutelas-2001\/' title='Tutelas 2001' class='pt-cv-tax-tutelas-2001'>Tutelas 2001<\/a><\/div>\n<h4 class=\"pt-cv-title\"><a href=\"https:\/\/www.dmsjuridica.com\/buscador_20179478954\/corteconstitucionalcronologico202454587\/t-288-01\/\" class=\"_self\" target=\"_self\" >T-288-01<\/a><\/h4>\n<div class=\"pt-cv-content\">\u00a0 \u00a0 Sentencia T-288\/01 \u00a0 ACCION DE TUTELA-Procedencia excepcional pago de acreencias laborales \u00a0 ACCION DE TUTELA-Hecho superado por pago de acreencias laborales \u00a0 ACCION DE TUTELA-Improcedencia para cobro exclusivo de indexaci\u00f3n\/INDEXACION DE CESANTIAS PARCIALES-Improcedencia de tutela para cobro exclusivo \u00a0 Reiteraci\u00f3n de Jurisprudencia \u00a0 Referencia: expedientes T-326140 y T-326141 \u00a0 Acciones de tutela instauradas por Martha Aurora Londo\u00f1o Camacho y Humberto Joya Joya contra el Ministerio de Hacienda y Cr\u00e9dito P\u00fablico, Director Nacional de Presupuesto y Director Seccional de Administraci\u00f3n Judicial de Bucaramanga. \u00a0 Magistrado Ponente:\u00a0 \u00a0 Dr. ALVARO TAFUR GALVIS \u00a0 Bogot\u00e1 D.C., a los quince (15) d\u00edas ...<br \/><div class=\"pt-cv-rmwrap\"><a href=\"https:\/\/www.dmsjuridica.com\/buscador_20179478954\/corteconstitucionalcronologico202454587\/t-288-01\/\" class=\"_self pt-cv-readmore btn btn-success\" target=\"_self\">Ver Sentencia Completa...<\/a><\/div><\/div><\/div><\/div>\n<div class=\"col-md-12 col-sm-12 col-xs-12 pt-cv-content-item pt-cv-1-col\" ><div class='pt-cv-ifield'><a href=\"https:\/\/www.dmsjuridica.com\/buscador_20179478954\/corteconstitucionalcronologico202454587\/t-287-01\/\" class=\"_self pt-cv-href-thumbnail pt-cv-thumb-default\" target=\"_self\" ><\/a>\n<div class=\"pt-cv-taxoterm above_title\"><a href='https:\/\/www.dmsjuridica.com\/buscador_20179478954\/corteconstitucionalcronologico202454587\/category\/buscar-en-toda-la-corte\/2001\/tutelas-2001\/' title='Tutelas 2001' class='pt-cv-tax-tutelas-2001'>Tutelas 2001<\/a><\/div>\n<h4 class=\"pt-cv-title\"><a href=\"https:\/\/www.dmsjuridica.com\/buscador_20179478954\/corteconstitucionalcronologico202454587\/t-287-01\/\" class=\"_self\" target=\"_self\" >T-287-01<\/a><\/h4>\n<div class=\"pt-cv-content\">\u00a0 \u00a0 Sentencia T-287\/01 \u00a0 DERECHO AL SUBSIDIO FAMILIAR DEL NI\u00d1O-Protecci\u00f3n por tutela \u00a0 SUBSIDIO FAMILIAR-Procedencia de tutela para ordenar al empleador aportar lo debido a la caja de compensaci\u00f3n \u00a0 Reiteraci\u00f3n de Jurisprudencia \u00a0 Referencia: expedientes T-380788 y T-386631 \u00a0 Acciones de tutela instaurada por Jes\u00fas Albeiro Hern\u00e1ndez Soto y Albeiro P\u00e9rez Delgado contra la Alcald\u00eda del Municipio de P\u00e1cora (Caldas) y CONFAMILIARES. \u00a0 \u00a0 Magistrado Ponente: \u00a0 Dr. ALVARO TAFUR GALVIS \u00a0 Bogot\u00e1 D.C., a los quince (15) d\u00edas del mes de marzo de dos mil uno (2001). \u00a0 La Sala Octava de Revisi\u00f3n de la Corte Constitucional, ...<br \/><div class=\"pt-cv-rmwrap\"><a href=\"https:\/\/www.dmsjuridica.com\/buscador_20179478954\/corteconstitucionalcronologico202454587\/t-287-01\/\" class=\"_self pt-cv-readmore btn btn-success\" target=\"_self\">Ver Sentencia Completa...<\/a><\/div><\/div><\/div><\/div>\n<div class=\"col-md-12 col-sm-12 col-xs-12 pt-cv-content-item pt-cv-1-col\" ><div class='pt-cv-ifield'><a href=\"https:\/\/www.dmsjuridica.com\/buscador_20179478954\/corteconstitucionalcronologico202454587\/t-286-01\/\" class=\"_self pt-cv-href-thumbnail pt-cv-thumb-default\" target=\"_self\" ><\/a>\n<div class=\"pt-cv-taxoterm above_title\"><a href='https:\/\/www.dmsjuridica.com\/buscador_20179478954\/corteconstitucionalcronologico202454587\/category\/buscar-en-toda-la-corte\/2001\/tutelas-2001\/' title='Tutelas 2001' class='pt-cv-tax-tutelas-2001'>Tutelas 2001<\/a><\/div>\n<h4 class=\"pt-cv-title\"><a href=\"https:\/\/www.dmsjuridica.com\/buscador_20179478954\/corteconstitucionalcronologico202454587\/t-286-01\/\" class=\"_self\" target=\"_self\" >T-286-01<\/a><\/h4>\n<div class=\"pt-cv-content\">\u00a0 \u00a0 Sentencia T-286\/01 \u00a0 ACCION DE TUTELA-Procedencia excepcional pago de acreencias laborales\/DERECHO AL MINIMO VITAL DEL TRABAJADOR-No afectaci\u00f3n por pago de primas complementarias de salario a educadores \u00a0 Reiteraci\u00f3n de Jurisprudencia \u00a0 Referencia: expedientes T-381271, T-324025 y T-324029 \u00a0 Acciones de tutela instauradas por Ofelia In\u00e9s Garc\u00eda Salazar, Martha Oliva Hincapi\u00e9 Rivera, Emilsen del Socorro V\u00e1squez B., Jos\u00e9 Victorino Garc\u00eda Pe\u00f1a, Flor Elvia Casta\u00f1o Botero y Mar\u00eda Nelly Mu\u00f1oz Gallego contra el se\u00f1or Gobernador de Antioquia. \u00a0 Magistrado Ponente: \u00a0 Dr. ALVARO TAFUR GALVIS \u00a0 Bogot\u00e1, D.C., a los quince (15) d\u00edas del mes de marzo de dos mil ...<br \/><div class=\"pt-cv-rmwrap\"><a href=\"https:\/\/www.dmsjuridica.com\/buscador_20179478954\/corteconstitucionalcronologico202454587\/t-286-01\/\" class=\"_self pt-cv-readmore btn btn-success\" target=\"_self\">Ver Sentencia Completa...<\/a><\/div><\/div><\/div><\/div>\n<div class=\"col-md-12 col-sm-12 col-xs-12 pt-cv-content-item pt-cv-1-col\" ><div class='pt-cv-ifield'><a href=\"https:\/\/www.dmsjuridica.com\/buscador_20179478954\/corteconstitucionalcronologico202454587\/t-285-01\/\" class=\"_self pt-cv-href-thumbnail pt-cv-thumb-default\" target=\"_self\" ><\/a>\n<div class=\"pt-cv-taxoterm above_title\"><a href='https:\/\/www.dmsjuridica.com\/buscador_20179478954\/corteconstitucionalcronologico202454587\/category\/buscar-en-toda-la-corte\/2001\/tutelas-2001\/' title='Tutelas 2001' class='pt-cv-tax-tutelas-2001'>Tutelas 2001<\/a><\/div>\n<h4 class=\"pt-cv-title\"><a href=\"https:\/\/www.dmsjuridica.com\/buscador_20179478954\/corteconstitucionalcronologico202454587\/t-285-01\/\" class=\"_self\" target=\"_self\" >T-285-01<\/a><\/h4>\n<div class=\"pt-cv-content\">\u00a0 \u00a0 Sentencia T-285\/01 \u00a0 DERECHO AL SUBSIDIO FAMILIAR DEL NI\u00d1O-Protecci\u00f3n por tutela \u00a0 SUBSIDIO FAMILIAR-Improcedencia de tutela por falta de pruebas respecto de menores \u00a0 Reiteraci\u00f3n de Jurisprudencia \u00a0 Referencia: expediente T-388911 \u00a0 Acci\u00f3n de tutela instaurada por Orlando Figueroa de La Hoz contra el Departamento Administrativo Distrital de Salud \u201cDISTRISALUD\u201d y la Caja de Compensaci\u00f3n Familiar de Acopi, CAJACOPI. \u00a0 \u00a0 Magistrado Ponente: \u00a0 Dr. ALVARO TAFUR GALVIS \u00a0 Bogot\u00e1 D.C., a los quince (15) d\u00edas del mes de marzo de dos mil uno (2001). \u00a0 La Sala Octava de Revisi\u00f3n de la Corte Constitucional, en ejercicio de ...<br \/><div class=\"pt-cv-rmwrap\"><a href=\"https:\/\/www.dmsjuridica.com\/buscador_20179478954\/corteconstitucionalcronologico202454587\/t-285-01\/\" class=\"_self pt-cv-readmore btn btn-success\" target=\"_self\">Ver Sentencia Completa...<\/a><\/div><\/div><\/div><\/div>\n<div class=\"col-md-12 col-sm-12 col-xs-12 pt-cv-content-item pt-cv-1-col\" ><div class='pt-cv-ifield'><a href=\"https:\/\/www.dmsjuridica.com\/buscador_20179478954\/corteconstitucionalcronologico202454587\/t-284-01\/\" class=\"_self pt-cv-href-thumbnail pt-cv-thumb-default\" target=\"_self\" ><\/a>\n<div class=\"pt-cv-taxoterm above_title\"><a href='https:\/\/www.dmsjuridica.com\/buscador_20179478954\/corteconstitucionalcronologico202454587\/category\/buscar-en-toda-la-corte\/2001\/tutelas-2001\/' title='Tutelas 2001' class='pt-cv-tax-tutelas-2001'>Tutelas 2001<\/a><\/div>\n<h4 class=\"pt-cv-title\"><a href=\"https:\/\/www.dmsjuridica.com\/buscador_20179478954\/corteconstitucionalcronologico202454587\/t-284-01\/\" class=\"_self\" target=\"_self\" >T-284-01<\/a><\/h4>\n<div class=\"pt-cv-content\">\u00a0 \u00a0 Sentencia T-284\/01 \u00a0 DERECHO A LA SALUD-Fundamental por conexidad \u00a0 INAPLICACION DE NORMAS DEL PLAN OBLIGATORIO DE SALUD-Casos en que procede por exclusi\u00f3n de tratamientos y medicamentos \u00a0de alto costo \u00a0 PLAN OBLIGATORIO DE SALUD-Suministro de medicamentos excluidos \u00a0 \u00a0 \u00a0 \u00a0 \u00a0\u00a0 \u00a0 Reiteraci\u00f3n de jurisprudencia \u00a0 Referencia: expediente T-325638 \u00a0 Acci\u00f3n de tutela instaurada por Belinda Florez de Guevara contra SaludCoop E.P.S. \u00a0 Magistrado Ponente: \u00a0 Dr. ALVARO TAFUR GALVIS\u00a0 \u00a0 Bogot\u00e1, D.C., a los quince (15) d\u00edas del mes de marzo de dos mil uno (2001). \u00a0 La Sala Octava de Revisi\u00f3n de la Corte ...<br \/><div class=\"pt-cv-rmwrap\"><a href=\"https:\/\/www.dmsjuridica.com\/buscador_20179478954\/corteconstitucionalcronologico202454587\/t-284-01\/\" class=\"_self pt-cv-readmore btn btn-success\" target=\"_self\">Ver Sentencia Completa...<\/a><\/div><\/div><\/div><\/div>\n<div class=\"col-md-12 col-sm-12 col-xs-12 pt-cv-content-item pt-cv-1-col\" ><div class='pt-cv-ifield'><a href=\"https:\/\/www.dmsjuridica.com\/buscador_20179478954\/corteconstitucionalcronologico202454587\/t-283-01\/\" class=\"_self pt-cv-href-thumbnail pt-cv-thumb-default\" target=\"_self\" ><\/a>\n<div class=\"pt-cv-taxoterm above_title\"><a href='https:\/\/www.dmsjuridica.com\/buscador_20179478954\/corteconstitucionalcronologico202454587\/category\/buscar-en-toda-la-corte\/2001\/tutelas-2001\/' title='Tutelas 2001' class='pt-cv-tax-tutelas-2001'>Tutelas 2001<\/a><\/div>\n<h4 class=\"pt-cv-title\"><a href=\"https:\/\/www.dmsjuridica.com\/buscador_20179478954\/corteconstitucionalcronologico202454587\/t-283-01\/\" class=\"_self\" target=\"_self\" >T-283-01<\/a><\/h4>\n<div class=\"pt-cv-content\">\u00a0 \u00a0 Sentencia T-283\/01 \u00a0 PRINCIPIO DE TERRITORIALIDAD DE LA LEY-Alcance\/PRINCIPIO DE TERRITORIALIDAD DE LA LEY-Excepciones \u00a0 CELEBRACION DE CONTRATOS EN TERRITORIO NACIONAL-Aplicaci\u00f3n de ley nacional \u00a0 DACION EN PAGO-Cr\u00e9dito otorgado por Bancaf\u00e9 Panam\u00e1 \u00a0 DACION EN PAGO-Improcedencia por cuanto el cr\u00e9dito otorgado no fue destinado a vivienda \u00a0 No cabe duda que el cr\u00e9dito otorgado a los accionantes, as\u00ed se le hubiere dado la denominaci\u00f3n de cr\u00e9dito de vivienda, en realidad fue utilizado para la cancelaci\u00f3n de cr\u00e9ditos que los accionantes hab\u00edan adquirido con otra entidad financiera y, que seg\u00fan lo manifiesta el apoderado de la entidad demandada y ...<br \/><div class=\"pt-cv-rmwrap\"><a href=\"https:\/\/www.dmsjuridica.com\/buscador_20179478954\/corteconstitucionalcronologico202454587\/t-283-01\/\" class=\"_self pt-cv-readmore btn btn-success\" target=\"_self\">Ver Sentencia Completa...<\/a><\/div><\/div><\/div><\/div>\n<div class=\"col-md-12 col-sm-12 col-xs-12 pt-cv-content-item pt-cv-1-col\" ><div class='pt-cv-ifield'><a href=\"https:\/\/www.dmsjuridica.com\/buscador_20179478954\/corteconstitucionalcronologico202454587\/t-282-01\/\" class=\"_self pt-cv-href-thumbnail pt-cv-thumb-default\" target=\"_self\" ><\/a>\n<div class=\"pt-cv-taxoterm above_title\"><a href='https:\/\/www.dmsjuridica.com\/buscador_20179478954\/corteconstitucionalcronologico202454587\/category\/buscar-en-toda-la-corte\/2001\/tutelas-2001\/' title='Tutelas 2001' class='pt-cv-tax-tutelas-2001'>Tutelas 2001<\/a><\/div>\n<h4 class=\"pt-cv-title\"><a href=\"https:\/\/www.dmsjuridica.com\/buscador_20179478954\/corteconstitucionalcronologico202454587\/t-282-01\/\" class=\"_self\" target=\"_self\" >T-282-01<\/a><\/h4>\n<div class=\"pt-cv-content\">\u00a0 \u00a0 Sentencia T-282\/01 \u00a0 CONTROL FISCAL-Ejercicio \u00a0 En las actuaciones relacionadas con el control fiscal, funci\u00f3n p\u00fablica que ejerce la Contralor\u00eda General de la Rep\u00fablica, por disposici\u00f3n de naturaleza constitucional, art\u00edculo 267 de la Carta, su ejercicio se desarrolla a trav\u00e9s de dos procesos : uno, de investigaci\u00f3n y juicio de responsabilidad fiscal, que culmina con una providencia motivada, en la que se declara si hay lugar o no a la responsabilidad fiscal. Una vez ejecutoriada esta decisi\u00f3n y hecha la liquidaci\u00f3n correspondiente, la misma presta m\u00e9rito ejecutivo. De esta forma, se inicia el otro proceso, el de jurisdicci\u00f3n ...<br \/><div class=\"pt-cv-rmwrap\"><a href=\"https:\/\/www.dmsjuridica.com\/buscador_20179478954\/corteconstitucionalcronologico202454587\/t-282-01\/\" class=\"_self pt-cv-readmore btn btn-success\" target=\"_self\">Ver Sentencia Completa...<\/a><\/div><\/div><\/div><\/div>\n<div class=\"col-md-12 col-sm-12 col-xs-12 pt-cv-content-item pt-cv-1-col\" ><div class='pt-cv-ifield'><a href=\"https:\/\/www.dmsjuridica.com\/buscador_20179478954\/corteconstitucionalcronologico202454587\/t-281-01\/\" class=\"_self pt-cv-href-thumbnail pt-cv-thumb-default\" target=\"_self\" ><\/a>\n<div class=\"pt-cv-taxoterm above_title\"><a href='https:\/\/www.dmsjuridica.com\/buscador_20179478954\/corteconstitucionalcronologico202454587\/category\/buscar-en-toda-la-corte\/2001\/tutelas-2001\/' title='Tutelas 2001' class='pt-cv-tax-tutelas-2001'>Tutelas 2001<\/a><\/div>\n<h4 class=\"pt-cv-title\"><a href=\"https:\/\/www.dmsjuridica.com\/buscador_20179478954\/corteconstitucionalcronologico202454587\/t-281-01\/\" class=\"_self\" target=\"_self\" >T-281-01<\/a><\/h4>\n<div class=\"pt-cv-content\">\u00a0 \u00a0 Sentencia T-281\/01 \u00a0 ACCION DE TUTELA-Hecho superado\/DEBIDO PROCESO PENAL-Apertura de investigaci\u00f3n por presunto delito de narcotr\u00e1fico \u00a0 Referencia: expediente T-406128 \u00a0 Peticionario: Fabio Ochoa V\u00e1squez \u00a0 Magistrado Ponente:\u00a0 \u00a0 Dr. ALFREDO BELTR\u00c1N SIERRA. \u00a0 Bogot\u00e1, D.C., marzo quince (15) de dos mil uno (2001). \u00a0 La Sala Segunda de Revisi\u00f3n de la Corte Constitucional, se encuentra integrada por los magistrados, Alfredo Beltr\u00e1n Sierra, Manuel Jos\u00e9 Cepeda Espinosa y Jaime C\u00f3rdoba Trivi\u00f1o.\u00a0 \u00a0 No obstante en el presente asunto, el Magistrado Jaime C\u00f3rdoba Trivi\u00f1o, mediante auto de marzo 8 del a\u00f1o en curso, manifest\u00f3 declararse impedido para conocer del ...<br \/><div class=\"pt-cv-rmwrap\"><a href=\"https:\/\/www.dmsjuridica.com\/buscador_20179478954\/corteconstitucionalcronologico202454587\/t-281-01\/\" class=\"_self pt-cv-readmore btn btn-success\" target=\"_self\">Ver Sentencia Completa...<\/a><\/div><\/div><\/div><\/div>\n<div class=\"col-md-12 col-sm-12 col-xs-12 pt-cv-content-item pt-cv-1-col\" ><div class='pt-cv-ifield'><a href=\"https:\/\/www.dmsjuridica.com\/buscador_20179478954\/corteconstitucionalcronologico202454587\/t-278-01\/\" class=\"_self pt-cv-href-thumbnail pt-cv-thumb-default\" target=\"_self\" ><\/a>\n<div class=\"pt-cv-taxoterm above_title\"><a href='https:\/\/www.dmsjuridica.com\/buscador_20179478954\/corteconstitucionalcronologico202454587\/category\/buscar-en-toda-la-corte\/2001\/tutelas-2001\/' title='Tutelas 2001' class='pt-cv-tax-tutelas-2001'>Tutelas 2001<\/a><\/div>\n<h4 class=\"pt-cv-title\"><a href=\"https:\/\/www.dmsjuridica.com\/buscador_20179478954\/corteconstitucionalcronologico202454587\/t-278-01\/\" class=\"_self\" target=\"_self\" >T-278-01<\/a><\/h4>\n<div class=\"pt-cv-content\">\u00a0 \u00a0 Sentencia T-278\/01 \u00a0 ACCION DE TUTELA-Hecho superado\/DERECHO A LA SALUD DEL ENFERMO DE SIDA-Examen de carga viral \u00a0y suministro de medicamentos \u00a0 Reiteraci\u00f3n de Jurisprudencia \u00a0 Referencia: expediente T-370252 \u00a0 Acci\u00f3n de tutela instaurada por Luis Eduardo Jaraba Zapata contra la E.P.S. SANITAS. \u00a0 Magistrado Ponente: \u00a0 Dr. ALVARO TAFUR GALVIS \u00a0 Bogot\u00e1, D.C., doce (12) de marzo de dos mil uno (2001) \u00a0\u00a0 \u00a0 La Sala Octava de Revisi\u00f3n de Tutelas de la Corte Constitucional, en ejercicio de sus competencias constitucionales y legales, ha proferido la siguiente \u00a0 SENTENCIA \u00a0 dentro del proceso de revisi\u00f3n de las ...<br \/><div class=\"pt-cv-rmwrap\"><a href=\"https:\/\/www.dmsjuridica.com\/buscador_20179478954\/corteconstitucionalcronologico202454587\/t-278-01\/\" class=\"_self pt-cv-readmore btn btn-success\" target=\"_self\">Ver Sentencia Completa...<\/a><\/div><\/div><\/div><\/div>\n<div class=\"col-md-12 col-sm-12 col-xs-12 pt-cv-content-item pt-cv-1-col\" ><div class='pt-cv-ifield'><a href=\"https:\/\/www.dmsjuridica.com\/buscador_20179478954\/corteconstitucionalcronologico202454587\/t-277-01\/\" class=\"_self pt-cv-href-thumbnail pt-cv-thumb-default\" target=\"_self\" ><\/a>\n<div class=\"pt-cv-taxoterm above_title\"><a href='https:\/\/www.dmsjuridica.com\/buscador_20179478954\/corteconstitucionalcronologico202454587\/category\/buscar-en-toda-la-corte\/2001\/tutelas-2001\/' title='Tutelas 2001' class='pt-cv-tax-tutelas-2001'>Tutelas 2001<\/a><\/div>\n<h4 class=\"pt-cv-title\"><a href=\"https:\/\/www.dmsjuridica.com\/buscador_20179478954\/corteconstitucionalcronologico202454587\/t-277-01\/\" class=\"_self\" target=\"_self\" >T-277-01<\/a><\/h4>\n<div class=\"pt-cv-content\">\u00a0 \u00a0 Sentencia T-277\/01 \u00a0 PRINCIPIO DE NO DISCRIMINACION-Criterio sospechoso\/DERECHO A LA IGUALDAD-Criterio sospechoso \u00a0 DERECHO AL MINIMO VITAL DEL TRABAJADOR-Pago oportuno de salarios \u00a0 Referencia: expediente T-384513 \u00a0 Acci\u00f3n de tutela contra el Hospital Eduardo Santos de Istmina (Choc\u00f3), por \u00a0presunta violaci\u00f3n del derecho a la igualdad. \u00a0 Tema: Discriminaci\u00f3n \u00a0 Actor: Luis Enrique Mena Mosquera.\u00a0 \u00a0 Magistrado Ponente:\u00a0 \u00a0 Dr. JAIME ARAUJO RENTER\u00cdA. \u00a0 Bogot\u00e1 D.C., doce (12) de marzo del a\u00f1o dos mil uno (2001). \u00a0 La Sala Primera de Revisi\u00f3n de Tutelas de la Corte Constitucional, compuesta por los Magistrados Alfredo Beltr\u00e1n Sierra, Manuel Jos\u00e9 Cepeda ...<br \/><div class=\"pt-cv-rmwrap\"><a href=\"https:\/\/www.dmsjuridica.com\/buscador_20179478954\/corteconstitucionalcronologico202454587\/t-277-01\/\" class=\"_self pt-cv-readmore btn btn-success\" target=\"_self\">Ver Sentencia Completa...<\/a><\/div><\/div><\/div><\/div>\n<div class=\"col-md-12 col-sm-12 col-xs-12 pt-cv-content-item pt-cv-1-col\" ><div class='pt-cv-ifield'><a href=\"https:\/\/www.dmsjuridica.com\/buscador_20179478954\/corteconstitucionalcronologico202454587\/t-276-01\/\" class=\"_self pt-cv-href-thumbnail pt-cv-thumb-default\" target=\"_self\" ><\/a>\n<div class=\"pt-cv-taxoterm above_title\"><a href='https:\/\/www.dmsjuridica.com\/buscador_20179478954\/corteconstitucionalcronologico202454587\/category\/buscar-en-toda-la-corte\/2001\/tutelas-2001\/' title='Tutelas 2001' class='pt-cv-tax-tutelas-2001'>Tutelas 2001<\/a><\/div>\n<h4 class=\"pt-cv-title\"><a href=\"https:\/\/www.dmsjuridica.com\/buscador_20179478954\/corteconstitucionalcronologico202454587\/t-276-01\/\" class=\"_self\" target=\"_self\" >T-276-01<\/a><\/h4>\n<div class=\"pt-cv-content\">\u00a0 \u00a0 Sentencia T-276\/01 \u00a0 DERECHO DE PETICION EN VIA GUBERNATIVA-Protecci\u00f3n ante silencio administrativo\/DERECHO DE PETICION EN VIA GUBERNATIVA-Recursos de reposici\u00f3n y apelaci\u00f3n \u00a0 Referencia: expediente T-384468 \u00a0 Acci\u00f3n de tutela instaurada por Jos\u00e9 Ivan Perez Berrio contra el Seguro Social Seccional Cali. \u00a0 Magistrada Ponente: \u00a0 Dra. CLARA INES VARGAS HERNANDEZ \u00a0 Bogot\u00e1 D.C., marzo doce (12) del a\u00f1o dos mil uno (2001) \u00a0 La Sala Novena de Revisi\u00f3n de tutelas de la Corte Constitucional, integrada por los Magistrados CLARA INES VARGAS HERNANDEZ, JAIME ARAUJO RENTERIA y ALFREDO BELTRAN SIERRA en ejercicio de sus competencias constitucionales y legales ha ...<br \/><div class=\"pt-cv-rmwrap\"><a href=\"https:\/\/www.dmsjuridica.com\/buscador_20179478954\/corteconstitucionalcronologico202454587\/t-276-01\/\" class=\"_self pt-cv-readmore btn btn-success\" target=\"_self\">Ver Sentencia Completa...<\/a><\/div><\/div><\/div><\/div>\n<div class=\"col-md-12 col-sm-12 col-xs-12 pt-cv-content-item pt-cv-1-col\" ><div class='pt-cv-ifield'><a href=\"https:\/\/www.dmsjuridica.com\/buscador_20179478954\/corteconstitucionalcronologico202454587\/t-275-01\/\" class=\"_self pt-cv-href-thumbnail pt-cv-thumb-default\" target=\"_self\" ><\/a>\n<div class=\"pt-cv-taxoterm above_title\"><a href='https:\/\/www.dmsjuridica.com\/buscador_20179478954\/corteconstitucionalcronologico202454587\/category\/buscar-en-toda-la-corte\/2001\/tutelas-2001\/' title='Tutelas 2001' class='pt-cv-tax-tutelas-2001'>Tutelas 2001<\/a><\/div>\n<h4 class=\"pt-cv-title\"><a href=\"https:\/\/www.dmsjuridica.com\/buscador_20179478954\/corteconstitucionalcronologico202454587\/t-275-01\/\" class=\"_self\" target=\"_self\" >T-275-01<\/a><\/h4>\n<div class=\"pt-cv-content\">\u00a0 \u00a0 Sentencia T-275\/01 \u00a0 ACCION DE TUTELA-Hecho superado por pago de acreencias laborales \u00a0 Referencia: expediente T-406320 \u00a0 Acci\u00f3n de tutela interpuesta por TERESA GORDILLO contra el Hospital santa Ana de Bol\u00edvar, Valle del Cauca. \u00a0 Magistrada Ponente: \u00a0 Dra. CLARA INES VARGAS HERNANDEZ \u00a0 Bogot\u00e1, D.C., \u00a0marzo doce (12) de dos mil uno (2001) \u00a0 \u00a0 \u00a0 La Sala Novena de Revisi\u00f3n de Tutelas de la Corte Constitucional, integrada por los Magistrados CLARA INES VARGAS HERNANDEZ, JAIME ARAUJO RENTER\u00cdA y ALFREDO BELTRAN SIERRA, en ejercicio de sus competencias constitucionales y legales, ha proferido la siguiente \u00a0 SENTENCIA \u00a0 ...<br \/><div class=\"pt-cv-rmwrap\"><a href=\"https:\/\/www.dmsjuridica.com\/buscador_20179478954\/corteconstitucionalcronologico202454587\/t-275-01\/\" class=\"_self pt-cv-readmore btn btn-success\" target=\"_self\">Ver Sentencia Completa...<\/a><\/div><\/div><\/div><\/div>\n<div class=\"col-md-12 col-sm-12 col-xs-12 pt-cv-content-item pt-cv-1-col\" ><div class='pt-cv-ifield'><a href=\"https:\/\/www.dmsjuridica.com\/buscador_20179478954\/corteconstitucionalcronologico202454587\/t-274-01\/\" class=\"_self pt-cv-href-thumbnail pt-cv-thumb-default\" target=\"_self\" ><\/a>\n<div class=\"pt-cv-taxoterm above_title\"><a href='https:\/\/www.dmsjuridica.com\/buscador_20179478954\/corteconstitucionalcronologico202454587\/category\/buscar-en-toda-la-corte\/2001\/tutelas-2001\/' title='Tutelas 2001' class='pt-cv-tax-tutelas-2001'>Tutelas 2001<\/a><\/div>\n<h4 class=\"pt-cv-title\"><a href=\"https:\/\/www.dmsjuridica.com\/buscador_20179478954\/corteconstitucionalcronologico202454587\/t-274-01\/\" class=\"_self\" target=\"_self\" >T-274-01<\/a><\/h4>\n<div class=\"pt-cv-content\">\u00a0 \u00a0 Sentencia T-274\/01 \u00a0 DERECHO A LA IGUALDAD EN REGIMEN DE CESANTIAS PARCIALES-Cambio de legislaci\u00f3n \u00a0 ACCION DE TUTELA-Procedencia excepcional pago de acreencias laborales \u00a0 DERECHO A LA IGUALDAD-Discriminaci\u00f3n entre empleados judiciales por r\u00e9gimen de cesant\u00edas parciales \u00a0 INDEXACION DE CESANTIAS PARCIALES-Reconocimiento \u00a0 DERECHO DE PETICION-Resoluci\u00f3n sobre cesant\u00edas parciales \u00a0 Reiteraci\u00f3n de Jurisprudencia \u00a0 Referencia: expediente T-347043 \u00a0 Acci\u00f3n de tutela instaurada por Jes\u00fas Antonio Angarita Angarita contra el Ministerio de Hacienda y Cr\u00e9dito P\u00fablico y Direcci\u00f3n Seccional de la Rama Judicial de Tolima. \u00a0 Magistrado Ponente:\u00a0 \u00a0 Dr. RODRIGO ESCOBAR GIL \u00a0 Bogot\u00e1 D.C., a los doce (12) ...<br \/><div class=\"pt-cv-rmwrap\"><a href=\"https:\/\/www.dmsjuridica.com\/buscador_20179478954\/corteconstitucionalcronologico202454587\/t-274-01\/\" class=\"_self pt-cv-readmore btn btn-success\" target=\"_self\">Ver Sentencia Completa...<\/a><\/div><\/div><\/div><\/div>\n<div class=\"col-md-12 col-sm-12 col-xs-12 pt-cv-content-item pt-cv-1-col\" ><div class='pt-cv-ifield'><a href=\"https:\/\/www.dmsjuridica.com\/buscador_20179478954\/corteconstitucionalcronologico202454587\/t-273-01\/\" class=\"_self pt-cv-href-thumbnail pt-cv-thumb-default\" target=\"_self\" ><\/a>\n<div class=\"pt-cv-taxoterm above_title\"><a href='https:\/\/www.dmsjuridica.com\/buscador_20179478954\/corteconstitucionalcronologico202454587\/category\/buscar-en-toda-la-corte\/2001\/tutelas-2001\/' title='Tutelas 2001' class='pt-cv-tax-tutelas-2001'>Tutelas 2001<\/a><\/div>\n<h4 class=\"pt-cv-title\"><a href=\"https:\/\/www.dmsjuridica.com\/buscador_20179478954\/corteconstitucionalcronologico202454587\/t-273-01\/\" class=\"_self\" target=\"_self\" >T-273-01<\/a><\/h4>\n<div class=\"pt-cv-content\">\u00a0 \u00a0 Sentencia T-273\/01 \u00a0 DERECHO DE PETICION-Pronta resoluci\u00f3n \u00a0 DERECHO DE PETICION-Resoluci\u00f3n oportuna y de fondo \u00a0 Referencia: expediente T- 385971 \u00a0 Acci\u00f3n de tutela instaurada por Jorge Alirio S\u00e1nchez contra el Departamento de Santander. \u00a0 Magistrado Ponente: \u00a0 Dr. EDUARDO MONTEALEGRE LYNETT. \u00a0 Bogot\u00e1, D.C., marzo nueve (9) de dos mil uno (2001). \u00a0 La Sala S\u00e9ptima de Revisi\u00f3n de la Corte Constitucional, integrada por los Magistrados Eduardo Montealegre Lynett, Alvaro Tafur Galvis y Clara In\u00e9s Vargas Hern\u00e1ndez, en uso de sus facultades constitucionales y legales ha proferido la siguiente \u00a0 SENTENCIA \u00a0 Dentro del proceso de revisi\u00f3n ...<br \/><div class=\"pt-cv-rmwrap\"><a href=\"https:\/\/www.dmsjuridica.com\/buscador_20179478954\/corteconstitucionalcronologico202454587\/t-273-01\/\" class=\"_self pt-cv-readmore btn btn-success\" target=\"_self\">Ver Sentencia Completa...<\/a><\/div><\/div><\/div><\/div>\n<div class=\"col-md-12 col-sm-12 col-xs-12 pt-cv-content-item pt-cv-1-col\" ><div class='pt-cv-ifield'><a href=\"https:\/\/www.dmsjuridica.com\/buscador_20179478954\/corteconstitucionalcronologico202454587\/t-272-01\/\" class=\"_self pt-cv-href-thumbnail pt-cv-thumb-default\" target=\"_self\" ><\/a>\n<div class=\"pt-cv-taxoterm above_title\"><a href='https:\/\/www.dmsjuridica.com\/buscador_20179478954\/corteconstitucionalcronologico202454587\/category\/buscar-en-toda-la-corte\/2001\/tutelas-2001\/' title='Tutelas 2001' class='pt-cv-tax-tutelas-2001'>Tutelas 2001<\/a><\/div>\n<h4 class=\"pt-cv-title\"><a href=\"https:\/\/www.dmsjuridica.com\/buscador_20179478954\/corteconstitucionalcronologico202454587\/t-272-01\/\" class=\"_self\" target=\"_self\" >T-272-01<\/a><\/h4>\n<div class=\"pt-cv-content\">\u00a0 \u00a0 Sentencia T-272\/01\u00a0 \u00a0 LEGITIMACION POR ACTIVA EN TUTELA-Padre en representaci\u00f3n de hijo \u00a0 DERECHO AL LIBRE DESARROLLO DE LA PERSONALIDAD-Expulsi\u00f3n de estudiante por convivir en uni\u00f3n libre\/DERECHO A LA EDUCACION-Estudiante que convive en uni\u00f3n libre\/MANUAL DE CONVIVENCIA-Sanci\u00f3n de expulsi\u00f3n a estudiante por convivir en uni\u00f3n libre \u00a0 MANUAL DE CONVIVENCIA-Supremac\u00eda normativa de la Constituci\u00f3n \u00a0 DERECHO A LA AUTONOMIA DEL ESTUDIANTE-Vulneraci\u00f3n por reglas del manual de convivencia\/DERECHO AL LIBRE DESARROLLO DE LA PERSONALIDAD-Opci\u00f3n de estado civil \u00a0 En este caso, el texto de los literales del manual de convivencia anteriormente citados, considerados en abstracto, violan de manera flagrante ...<br \/><div class=\"pt-cv-rmwrap\"><a href=\"https:\/\/www.dmsjuridica.com\/buscador_20179478954\/corteconstitucionalcronologico202454587\/t-272-01\/\" class=\"_self pt-cv-readmore btn btn-success\" target=\"_self\">Ver Sentencia Completa...<\/a><\/div><\/div><\/div><\/div>\n<div class=\"col-md-12 col-sm-12 col-xs-12 pt-cv-content-item pt-cv-1-col\" ><div class='pt-cv-ifield'><a href=\"https:\/\/www.dmsjuridica.com\/buscador_20179478954\/corteconstitucionalcronologico202454587\/t-271-01\/\" class=\"_self pt-cv-href-thumbnail pt-cv-thumb-default\" target=\"_self\" ><\/a>\n<div class=\"pt-cv-taxoterm above_title\"><a href='https:\/\/www.dmsjuridica.com\/buscador_20179478954\/corteconstitucionalcronologico202454587\/category\/buscar-en-toda-la-corte\/2001\/tutelas-2001\/' title='Tutelas 2001' class='pt-cv-tax-tutelas-2001'>Tutelas 2001<\/a><\/div>\n<h4 class=\"pt-cv-title\"><a href=\"https:\/\/www.dmsjuridica.com\/buscador_20179478954\/corteconstitucionalcronologico202454587\/t-271-01\/\" class=\"_self\" target=\"_self\" >T-271-01<\/a><\/h4>\n<div class=\"pt-cv-content\">\u00a0 \u00a0 Sentencia T-271\/01 \u00a0 DERECHO A LA SALUD-Alcance de la protecci\u00f3n \u00a0 DERECHO A LA VIDA DIGNA-Criterios de protecci\u00f3n para atenci\u00f3n de salud \u00a0 Siempre ser\u00e1 necesario que el juez de tutela al que se le solicita la protecci\u00f3n del derecho a la vida digna, como consecuencia de la garant\u00eda del derecho a la salud, considere con rigor los hechos que estructuran el caso y tenga en cuenta todas las variables en juego, procurando al menos: (a.) otorgar amparo prioritario a grupos que por sus condiciones sociales o econ\u00f3micas no cuentan con recursos para velar por sus propios intereses ...<br \/><div class=\"pt-cv-rmwrap\"><a href=\"https:\/\/www.dmsjuridica.com\/buscador_20179478954\/corteconstitucionalcronologico202454587\/t-271-01\/\" class=\"_self pt-cv-readmore btn btn-success\" target=\"_self\">Ver Sentencia Completa...<\/a><\/div><\/div><\/div><\/div>\n<div class=\"col-md-12 col-sm-12 col-xs-12 pt-cv-content-item pt-cv-1-col\" ><div class='pt-cv-ifield'><a href=\"https:\/\/www.dmsjuridica.com\/buscador_20179478954\/corteconstitucionalcronologico202454587\/t-270-01\/\" class=\"_self pt-cv-href-thumbnail pt-cv-thumb-default\" target=\"_self\" ><\/a>\n<div class=\"pt-cv-taxoterm above_title\"><a href='https:\/\/www.dmsjuridica.com\/buscador_20179478954\/corteconstitucionalcronologico202454587\/category\/buscar-en-toda-la-corte\/2001\/tutelas-2001\/' title='Tutelas 2001' class='pt-cv-tax-tutelas-2001'>Tutelas 2001<\/a><\/div>\n<h4 class=\"pt-cv-title\"><a href=\"https:\/\/www.dmsjuridica.com\/buscador_20179478954\/corteconstitucionalcronologico202454587\/t-270-01\/\" class=\"_self\" target=\"_self\" >T-270-01<\/a><\/h4>\n<div class=\"pt-cv-content\">\u00a0 \u00a0 Sentencia T-270\/01 \u00a0 ACCION DE TUTELA-Procedencia excepcional pago de acreencias laborales \u00a0 ACCION DE TUTELA-Hecho superado por pago de acreencias laborales \u00a0 Referencia: expediente T- 384645 \u00a0 \u00a0 \u00a0 \u00a0 \u00a0 \u00a0 \u00a0 \u00a0 \u00a0 \u00a0 \u00a0 \u00a0 \u00a0 \u00a0 \u00a0 \u00a0 \u00a0 \u00a0 Acci\u00f3n de tutela instaurada por Gloria Esther Gal\u00e1n de Santana contra el Gobernador del Departamento del Magdalena y otros. \u00a0 \u00a0 Magistrado Ponente:\u00a0 \u00a0 Dr. MANUEL JOS\u00c9 CEPEDA ESPINOSA. \u00a0 Bogot\u00e1, D.C., nueve (9) de marzo de dos mil uno (2001). \u00a0 La Sala Tercera de Revisi\u00f3n de la Corte Constitucional, integrada por los ...<br \/><div class=\"pt-cv-rmwrap\"><a href=\"https:\/\/www.dmsjuridica.com\/buscador_20179478954\/corteconstitucionalcronologico202454587\/t-270-01\/\" class=\"_self pt-cv-readmore btn btn-success\" target=\"_self\">Ver Sentencia Completa...<\/a><\/div><\/div><\/div><\/div>\n<div class=\"col-md-12 col-sm-12 col-xs-12 pt-cv-content-item pt-cv-1-col\" ><div class='pt-cv-ifield'><a href=\"https:\/\/www.dmsjuridica.com\/buscador_20179478954\/corteconstitucionalcronologico202454587\/t-269-01\/\" class=\"_self pt-cv-href-thumbnail pt-cv-thumb-default\" target=\"_self\" ><\/a>\n<div class=\"pt-cv-taxoterm above_title\"><a href='https:\/\/www.dmsjuridica.com\/buscador_20179478954\/corteconstitucionalcronologico202454587\/category\/buscar-en-toda-la-corte\/2001\/tutelas-2001\/' title='Tutelas 2001' class='pt-cv-tax-tutelas-2001'>Tutelas 2001<\/a><\/div>\n<h4 class=\"pt-cv-title\"><a href=\"https:\/\/www.dmsjuridica.com\/buscador_20179478954\/corteconstitucionalcronologico202454587\/t-269-01\/\" class=\"_self\" target=\"_self\" >T-269-01<\/a><\/h4>\n<div class=\"pt-cv-content\">\u00a0 \u00a0 Sentencia T-269\/01 \u00a0 LEGITIMACION POR ACTIVA EN TUTELA-Ministro de iglesia cristiana pentecostal \u00a0 DERECHO A LA IGUALDAD DE CONFESIONES RELIGIOSAS E IGLESIAS \u00a0 No debe confundirse lo que podr\u00eda ser una potencial violaci\u00f3n del derecho a la igualdad por un trato discriminatorio basado en razones religiosas - como cuando a una persona se le impone un deber, carga o gravamen por el exclusivo hecho de profesar una fe, de practicar un culto o de pertenecer a una confesi\u00f3n religiosa o iglesia -, con la posible violaci\u00f3n del derecho a la igual libertad de todas las confesiones e iglesias ...<br \/><div class=\"pt-cv-rmwrap\"><a href=\"https:\/\/www.dmsjuridica.com\/buscador_20179478954\/corteconstitucionalcronologico202454587\/t-269-01\/\" class=\"_self pt-cv-readmore btn btn-success\" target=\"_self\">Ver Sentencia Completa...<\/a><\/div><\/div><\/div><\/div>\n<div class=\"col-md-12 col-sm-12 col-xs-12 pt-cv-content-item pt-cv-1-col\" ><div class='pt-cv-ifield'><a href=\"https:\/\/www.dmsjuridica.com\/buscador_20179478954\/corteconstitucionalcronologico202454587\/t-268-01\/\" class=\"_self pt-cv-href-thumbnail pt-cv-thumb-default\" target=\"_self\" ><\/a>\n<div class=\"pt-cv-taxoterm above_title\"><a href='https:\/\/www.dmsjuridica.com\/buscador_20179478954\/corteconstitucionalcronologico202454587\/category\/buscar-en-toda-la-corte\/2001\/tutelas-2001\/' title='Tutelas 2001' class='pt-cv-tax-tutelas-2001'>Tutelas 2001<\/a><\/div>\n<h4 class=\"pt-cv-title\"><a href=\"https:\/\/www.dmsjuridica.com\/buscador_20179478954\/corteconstitucionalcronologico202454587\/t-268-01\/\" class=\"_self\" target=\"_self\" >T-268-01<\/a><\/h4>\n<div class=\"pt-cv-content\">\u00a0 \u00a0 Sentencia T-268\/01 \u00a0 ACCESO A LA UNIVERSIDAD PUBLICA-Criterio b\u00e1sico es el m\u00e9rito acad\u00e9mico\/UNIVERSIDAD PUBLICA-Criterios adicionales de asignaci\u00f3n de cupos\/ACCESO A LA UNIVERSIDAD PUBLICA-Desigualdad de origen \u00a0 CUPOS ESPECIALES DE ACCESO A LA UNIVERSIDAD PUBLICA-Vulneraci\u00f3n de igualdad por prerrogativas a personas oriundas de una regi\u00f3n\/DERECHO A LA IGUALDAD-Prerrogativas de acceso a educaci\u00f3n superior por ser oriundas de una regi\u00f3n \u00a0 Referencia: expediente T-385475 \u00a0 Acci\u00f3n de tutela instaurada por Yudy Barbosa contra Universidad de Los Llanos \u00a0 Procedencia: Juzgado 3\u00b0 Civil del Circuito de Villavicencio \u00a0 Magistrado Ponente: \u00a0 Dr. MARCO GERARDO MONROY CABRA \u00a0 Bogot\u00e1, D.C., ocho (8) ...<br \/><div class=\"pt-cv-rmwrap\"><a href=\"https:\/\/www.dmsjuridica.com\/buscador_20179478954\/corteconstitucionalcronologico202454587\/t-268-01\/\" class=\"_self pt-cv-readmore btn btn-success\" target=\"_self\">Ver Sentencia Completa...<\/a><\/div><\/div><\/div><\/div>\n<div class=\"col-md-12 col-sm-12 col-xs-12 pt-cv-content-item pt-cv-1-col\" ><div class='pt-cv-ifield'><a href=\"https:\/\/www.dmsjuridica.com\/buscador_20179478954\/corteconstitucionalcronologico202454587\/t-267-01\/\" class=\"_self pt-cv-href-thumbnail pt-cv-thumb-default\" target=\"_self\" ><\/a>\n<div class=\"pt-cv-taxoterm above_title\"><a href='https:\/\/www.dmsjuridica.com\/buscador_20179478954\/corteconstitucionalcronologico202454587\/category\/buscar-en-toda-la-corte\/2001\/tutelas-2001\/' title='Tutelas 2001' class='pt-cv-tax-tutelas-2001'>Tutelas 2001<\/a><\/div>\n<h4 class=\"pt-cv-title\"><a href=\"https:\/\/www.dmsjuridica.com\/buscador_20179478954\/corteconstitucionalcronologico202454587\/t-267-01\/\" class=\"_self\" target=\"_self\" >T-267-01<\/a><\/h4>\n<div class=\"pt-cv-content\">\u00a0 \u00a0 Sentencia T-267\/01 \u00a0 DERECHO DE PETICION-No comprende sentido de la decisi\u00f3n \u00a0 DERECHO DE PETICION-Solicitud de concepto a otra entidad, no exime de responsabilidad al peticionario\/DERECHO DE PETICION-Pronta resoluci\u00f3n \u00a0 Dentro de la atenci\u00f3n del derecho de petici\u00f3n es posible que se necesite la remisi\u00f3n de un concepto de otra entidad para recopilar la informaci\u00f3n necesaria para dar una respuesta de fondo; de esto se debe comunicar al solicitante para que pueda estar al tanto del curso que ha seguido su solicitud. Sin embargo, el hecho de que se haya solicitado alg\u00fan concepto no es \u00f3bice para la ...<br \/><div class=\"pt-cv-rmwrap\"><a href=\"https:\/\/www.dmsjuridica.com\/buscador_20179478954\/corteconstitucionalcronologico202454587\/t-267-01\/\" class=\"_self pt-cv-readmore btn btn-success\" target=\"_self\">Ver Sentencia Completa...<\/a><\/div><\/div><\/div><\/div>\n<div class=\"col-md-12 col-sm-12 col-xs-12 pt-cv-content-item pt-cv-1-col\" ><div class='pt-cv-ifield'><a href=\"https:\/\/www.dmsjuridica.com\/buscador_20179478954\/corteconstitucionalcronologico202454587\/t-266-01\/\" class=\"_self pt-cv-href-thumbnail pt-cv-thumb-default\" target=\"_self\" ><\/a>\n<div class=\"pt-cv-taxoterm above_title\"><a href='https:\/\/www.dmsjuridica.com\/buscador_20179478954\/corteconstitucionalcronologico202454587\/category\/buscar-en-toda-la-corte\/2001\/tutelas-2001\/' title='Tutelas 2001' class='pt-cv-tax-tutelas-2001'>Tutelas 2001<\/a><\/div>\n<h4 class=\"pt-cv-title\"><a href=\"https:\/\/www.dmsjuridica.com\/buscador_20179478954\/corteconstitucionalcronologico202454587\/t-266-01\/\" class=\"_self\" target=\"_self\" >T-266-01<\/a><\/h4>\n<div class=\"pt-cv-content\">\u00a0 \u00a0 Sentencia T-266\/01 \u00a0 \u00a0 ACCION DE TUTELA-Procedencia excepcional pago de acreencias laborales \u00a0 DERECHO AL MINIMO VITAL DEL PENSIONADO-Improcedencia de tutela por no demostraci\u00f3n de afectaci\u00f3n \u00a0 Referencia: expediente T-386141 \u00a0 Solicitante: Tula Celmira Mu\u00f1oz de Salgado \u00a0 Procedencia: Juzgado 2\u00b0 Laboral de Sincelejo \u00a0 Magistrado Sustanciador:\u00a0 \u00a0 Dr. MARCO GERARDO MONROY CABRA \u00a0 Bogot\u00e1 D.C., ocho (8) de marzo de dos mil uno (2001). \u00a0 La Sala Sexta de Revisi\u00f3n de la Corte Constitucional, integrada por los Magistrados doctores Marco Gerardo Monroy Cabra, Eduardo Montealegre Lynnet y Alvaro Tafur Galvis, en ejercicio de sus competencias constitucionales y ...<br \/><div class=\"pt-cv-rmwrap\"><a href=\"https:\/\/www.dmsjuridica.com\/buscador_20179478954\/corteconstitucionalcronologico202454587\/t-266-01\/\" class=\"_self pt-cv-readmore btn btn-success\" target=\"_self\">Ver Sentencia Completa...<\/a><\/div><\/div><\/div><\/div>\n<div class=\"col-md-12 col-sm-12 col-xs-12 pt-cv-content-item pt-cv-1-col\" ><div class='pt-cv-ifield'><a href=\"https:\/\/www.dmsjuridica.com\/buscador_20179478954\/corteconstitucionalcronologico202454587\/t-265-01\/\" class=\"_self pt-cv-href-thumbnail pt-cv-thumb-default\" target=\"_self\" ><\/a>\n<div class=\"pt-cv-taxoterm above_title\"><a href='https:\/\/www.dmsjuridica.com\/buscador_20179478954\/corteconstitucionalcronologico202454587\/category\/buscar-en-toda-la-corte\/2001\/tutelas-2001\/' title='Tutelas 2001' class='pt-cv-tax-tutelas-2001'>Tutelas 2001<\/a><\/div>\n<h4 class=\"pt-cv-title\"><a href=\"https:\/\/www.dmsjuridica.com\/buscador_20179478954\/corteconstitucionalcronologico202454587\/t-265-01\/\" class=\"_self\" target=\"_self\" >T-265-01<\/a><\/h4>\n<div class=\"pt-cv-content\">\u00a0 \u00a0 Sentencia T-265\/01 \u00a0 ACCION DE TUTELA-Procedencia excepcional pago de acreencias laborales \u00a0 DERECHO AL PAGO OPORTUNO DEL SALARIO-Fundamental\/DERECHO AL MINIMO VITAL DEL TRABAJADOR-Pago oportuno de salarios \u00a0 EMPLEADOR-Falta de presupuesto o insolvencia para pago oportuno de salarios no es raz\u00f3n suficiente \u00a0 Acci\u00f3n de tutela instaurada por Nancy Mar\u00eda Rodr\u00edguez, Mavis Antonia Rojas y Adairis Mar\u00eda Rodr\u00edguez contra la Alcald\u00eda de Hatonuevo, departamento de la Guajira. \u00a0 Magistrado Ponente: \u00a0 Dr. ALFREDO BELTR\u00c1N SIERRA. \u00a0 Bogot\u00e1, D.C., ocho (8) de marzo del a\u00f1o dos mil uno (2001). \u00a0 La Sala Segunda de Revisi\u00f3n de la Corte Constitucional, en ...<br \/><div class=\"pt-cv-rmwrap\"><a href=\"https:\/\/www.dmsjuridica.com\/buscador_20179478954\/corteconstitucionalcronologico202454587\/t-265-01\/\" class=\"_self pt-cv-readmore btn btn-success\" target=\"_self\">Ver Sentencia Completa...<\/a><\/div><\/div><\/div><\/div>\n<div class=\"col-md-12 col-sm-12 col-xs-12 pt-cv-content-item pt-cv-1-col\" ><div class='pt-cv-ifield'><a href=\"https:\/\/www.dmsjuridica.com\/buscador_20179478954\/corteconstitucionalcronologico202454587\/t-264-01\/\" class=\"_self pt-cv-href-thumbnail pt-cv-thumb-default\" target=\"_self\" ><\/a>\n<div class=\"pt-cv-taxoterm above_title\"><a href='https:\/\/www.dmsjuridica.com\/buscador_20179478954\/corteconstitucionalcronologico202454587\/category\/buscar-en-toda-la-corte\/2001\/tutelas-2001\/' title='Tutelas 2001' class='pt-cv-tax-tutelas-2001'>Tutelas 2001<\/a><\/div>\n<h4 class=\"pt-cv-title\"><a href=\"https:\/\/www.dmsjuridica.com\/buscador_20179478954\/corteconstitucionalcronologico202454587\/t-264-01\/\" class=\"_self\" target=\"_self\" >T-264-01<\/a><\/h4>\n<div class=\"pt-cv-content\">\u00a0 \u00a0 Sentencia T-264\/01 \u00a0 REVOCACION DIRECTA DE ACTO ADMNISTRATIVO PARTICULAR Y CONCRETO-Consentimiento expreso y escrito del titular \u00a0 PENSION DE SOBREVIVIENTES-Suspensi\u00f3n \u00a0 DERECHO A LA EDUCACION-Suspensi\u00f3n de pensi\u00f3n por llegar hijo a los dieciocho a\u00f1os\/PENSION DE SOBREVIVIENTES-Procedencia de tutela por cuanto interrupci\u00f3n impide a joven continuar educ\u00e1ndose \u00a0 Referencia: expediente T-411.020 \u00a0 Acci\u00f3n de tutela de Kelly Mar\u00eda Guti\u00e9rrez Vivius en contra del Seguro Social - Seccional Barranquilla-.\u00a0 \u00a0 Procedencia: Tribunal Superior de Barranquilla, \u00a0Sala Laboral.\u00a0 \u00a0 Magistrado Ponente:\u00a0 \u00a0 Dr. ALFREDO BELTR\u00c1N SIERRA. \u00a0 Sentencia aprobada en Bogot\u00e1, en sesi\u00f3n del ocho (8) de marzo de dos mil ...<br \/><div class=\"pt-cv-rmwrap\"><a href=\"https:\/\/www.dmsjuridica.com\/buscador_20179478954\/corteconstitucionalcronologico202454587\/t-264-01\/\" class=\"_self pt-cv-readmore btn btn-success\" target=\"_self\">Ver Sentencia Completa...<\/a><\/div><\/div><\/div><\/div>\n<div class=\"col-md-12 col-sm-12 col-xs-12 pt-cv-content-item pt-cv-1-col\" ><div class='pt-cv-ifield'><a href=\"https:\/\/www.dmsjuridica.com\/buscador_20179478954\/corteconstitucionalcronologico202454587\/t-263-01\/\" class=\"_self pt-cv-href-thumbnail pt-cv-thumb-default\" target=\"_self\" ><\/a>\n<div class=\"pt-cv-taxoterm above_title\"><a href='https:\/\/www.dmsjuridica.com\/buscador_20179478954\/corteconstitucionalcronologico202454587\/category\/buscar-en-toda-la-corte\/2001\/tutelas-2001\/' title='Tutelas 2001' class='pt-cv-tax-tutelas-2001'>Tutelas 2001<\/a><\/div>\n<h4 class=\"pt-cv-title\"><a href=\"https:\/\/www.dmsjuridica.com\/buscador_20179478954\/corteconstitucionalcronologico202454587\/t-263-01\/\" class=\"_self\" target=\"_self\" >T-263-01<\/a><\/h4>\n<div class=\"pt-cv-content\">\u00a0 \u00a0 Sentencia T-263\/01 \u00a0 ACCION DE TUTELA-Procedencia excepcional pago de acreencias laborales \u00a0 DERECHO AL MINIMO VITAL DEL PENSIONADO-Pago oportuno de mesadas\u00a0 \u00a0 EMPLEADOR-Situaci\u00f3n econ\u00f3mica o presupuestal no es \u00f3bice para desconocer pago de mesadas pensionales \u00a0 Referencia: expediente 407.855 \u00a0 Acci\u00f3n de tutela instaurada por Lida Mercedes Ocampo de Villa contra el municipio de Cali. \u00a0 Magistrado Ponente:\u00a0 \u00a0 Dr. ALFREDO BELTR\u00c1N SIERRA \u00a0 Bogot\u00e1, D.C., ocho (8) de marzo del a\u00f1o dos mil uno (2001). \u00a0 La Sala Segunda de Revisi\u00f3n de la Corte Constitucional, en ejercicio de sus competencias constitucionales y legales, ha proferido la siguiente\u00a0 ...<br \/><div class=\"pt-cv-rmwrap\"><a href=\"https:\/\/www.dmsjuridica.com\/buscador_20179478954\/corteconstitucionalcronologico202454587\/t-263-01\/\" class=\"_self pt-cv-readmore btn btn-success\" target=\"_self\">Ver Sentencia Completa...<\/a><\/div><\/div><\/div><\/div>\n<div class=\"col-md-12 col-sm-12 col-xs-12 pt-cv-content-item pt-cv-1-col\" ><div class='pt-cv-ifield'><a href=\"https:\/\/www.dmsjuridica.com\/buscador_20179478954\/corteconstitucionalcronologico202454587\/t-259-01\/\" class=\"_self pt-cv-href-thumbnail pt-cv-thumb-default\" target=\"_self\" ><\/a>\n<div class=\"pt-cv-taxoterm above_title\"><a href='https:\/\/www.dmsjuridica.com\/buscador_20179478954\/corteconstitucionalcronologico202454587\/category\/buscar-en-toda-la-corte\/2001\/tutelas-2001\/' title='Tutelas 2001' class='pt-cv-tax-tutelas-2001'>Tutelas 2001<\/a><\/div>\n<h4 class=\"pt-cv-title\"><a href=\"https:\/\/www.dmsjuridica.com\/buscador_20179478954\/corteconstitucionalcronologico202454587\/t-259-01\/\" class=\"_self\" target=\"_self\" >T-259-01<\/a><\/h4>\n<div class=\"pt-cv-content\">\u00a0 \u00a0 Sentencia T-259\/01 \u00a0 ACCION DE TUTELA-Carencia actual de objeto \u00a0 Referencia: expediente T-383269 \u00a0 Accionante: Mart\u00edn Emilio Mendoza Campuzano \u00a0 Procedencia: Tribunal Administrativo de Bol\u00edvar \u00a0 Magistrado Ponente: \u00a0 Dr. MARCO GERARDO MONROY CABRA \u00a0 Bogot\u00e1, D.C., cinco (5) de marzo de dos mil uno (2001).\u00a0 \u00a0 La Sala Sexta de Revisi\u00f3n de la Corte Constitucional, integrada por los Magistrados Marco Gerardo Monroy Cabra, Eduardo Montealegre Lynet y Alvaro Tafur Galvis, quien la preside, en ejercicio de sus competencias constitucionales y legales, ha proferido la siguiente \u00a0 SENTENCIA \u00a0 Dentro de la acci\u00f3n de tutela No. T-383269 promovida ...<br \/><div class=\"pt-cv-rmwrap\"><a href=\"https:\/\/www.dmsjuridica.com\/buscador_20179478954\/corteconstitucionalcronologico202454587\/t-259-01\/\" class=\"_self pt-cv-readmore btn btn-success\" target=\"_self\">Ver Sentencia Completa...<\/a><\/div><\/div><\/div><\/div>\n<div class=\"col-md-12 col-sm-12 col-xs-12 pt-cv-content-item pt-cv-1-col\" ><div class='pt-cv-ifield'><a href=\"https:\/\/www.dmsjuridica.com\/buscador_20179478954\/corteconstitucionalcronologico202454587\/t-258-01\/\" class=\"_self pt-cv-href-thumbnail pt-cv-thumb-default\" target=\"_self\" ><\/a>\n<div class=\"pt-cv-taxoterm above_title\"><a href='https:\/\/www.dmsjuridica.com\/buscador_20179478954\/corteconstitucionalcronologico202454587\/category\/buscar-en-toda-la-corte\/2001\/tutelas-2001\/' title='Tutelas 2001' class='pt-cv-tax-tutelas-2001'>Tutelas 2001<\/a><\/div>\n<h4 class=\"pt-cv-title\"><a href=\"https:\/\/www.dmsjuridica.com\/buscador_20179478954\/corteconstitucionalcronologico202454587\/t-258-01\/\" class=\"_self\" target=\"_self\" >T-258-01<\/a><\/h4>\n<div class=\"pt-cv-content\">\u00a0 \u00a0 Sentencia T-258\/01 \u00a0 ACTO DISCRECIONAL DE LA ADMINISTRACION-Deja de serlo cuando existe amenaza contra la vida de empleados\/AUTORIZACION DE TRASLADO-Discrecionalidad deja de serlo por estar en peligro vida del empleado \u00a0 DERECHO A LA VIDA-Protecci\u00f3n especial de docente amenazado \u00a0 PERSONAL DOCENTE AMENAZADO-Reubicaci\u00f3n \u00a0 DOCENTE DESPLAZADO POR LA VIOLENCIA-Reubicaci\u00f3n atendiendo \u00a0seguridad de la vida e integridad personal \u00a0 Si bien el accionante reconoce que no tiene evidencias de amenazas directas contra su vida, tambi\u00e9n lo es que el asesinato de dos de sus hermanos es un hecho que de ninguna manera puede pasar inadvertido, como tampoco la constancia ...<br \/><div class=\"pt-cv-rmwrap\"><a href=\"https:\/\/www.dmsjuridica.com\/buscador_20179478954\/corteconstitucionalcronologico202454587\/t-258-01\/\" class=\"_self pt-cv-readmore btn btn-success\" target=\"_self\">Ver Sentencia Completa...<\/a><\/div><\/div><\/div><\/div>\n<div class=\"col-md-12 col-sm-12 col-xs-12 pt-cv-content-item pt-cv-1-col\" ><div class='pt-cv-ifield'><a href=\"https:\/\/www.dmsjuridica.com\/buscador_20179478954\/corteconstitucionalcronologico202454587\/t-257-01\/\" class=\"_self pt-cv-href-thumbnail pt-cv-thumb-default\" target=\"_self\" ><\/a>\n<div class=\"pt-cv-taxoterm above_title\"><a href='https:\/\/www.dmsjuridica.com\/buscador_20179478954\/corteconstitucionalcronologico202454587\/category\/buscar-en-toda-la-corte\/2001\/tutelas-2001\/' title='Tutelas 2001' class='pt-cv-tax-tutelas-2001'>Tutelas 2001<\/a><\/div>\n<h4 class=\"pt-cv-title\"><a href=\"https:\/\/www.dmsjuridica.com\/buscador_20179478954\/corteconstitucionalcronologico202454587\/t-257-01\/\" class=\"_self\" target=\"_self\" >T-257-01<\/a><\/h4>\n<div class=\"pt-cv-content\">\u00a0 \u00a0 Sentencia T-257\/01 \u00a0 ACCION DE TUTELA-Procedencia excepcional pago de acreencias laborales \u00a0 DERECHO AL MINIMO VITAL DEL TRABAJADOR-Pago oportuno de salarios \u00a0 DERECHO AL PAGO OPORTUNO DEL SALARIO-Fundamental \u00a0 Referencia: expediente T- 382213 \u00a0 Acci\u00f3n de tutela instaurada por Lesbia de los Milagros Barandica Rudas contra el Municipio de Aracataca (Magdalena). \u00a0 Magistrado Ponente: \u00a0 Dr. EDUARDO MONTEALEGRE LYNETT. \u00a0 Bogot\u00e1, D.C., cinco (5) de marzo de dos mil uno (2001). \u00a0 La Sala S\u00e9ptima de Revisi\u00f3n de la Corte Constitucional, integrada por los magistrados Eduardo Montealegre Lynett, Alvaro Tafur Galvis y Clara In\u00e9s Vargas Hern\u00e1ndez, en uso ...<br \/><div class=\"pt-cv-rmwrap\"><a href=\"https:\/\/www.dmsjuridica.com\/buscador_20179478954\/corteconstitucionalcronologico202454587\/t-257-01\/\" class=\"_self pt-cv-readmore btn btn-success\" target=\"_self\">Ver Sentencia Completa...<\/a><\/div><\/div><\/div><\/div>\n<div class=\"col-md-12 col-sm-12 col-xs-12 pt-cv-content-item pt-cv-1-col\" ><div class='pt-cv-ifield'><a href=\"https:\/\/www.dmsjuridica.com\/buscador_20179478954\/corteconstitucionalcronologico202454587\/t-256-01\/\" class=\"_self pt-cv-href-thumbnail pt-cv-thumb-default\" target=\"_self\" ><\/a>\n<div class=\"pt-cv-taxoterm above_title\"><a href='https:\/\/www.dmsjuridica.com\/buscador_20179478954\/corteconstitucionalcronologico202454587\/category\/buscar-en-toda-la-corte\/2001\/tutelas-2001\/' title='Tutelas 2001' class='pt-cv-tax-tutelas-2001'>Tutelas 2001<\/a><\/div>\n<h4 class=\"pt-cv-title\"><a href=\"https:\/\/www.dmsjuridica.com\/buscador_20179478954\/corteconstitucionalcronologico202454587\/t-256-01\/\" class=\"_self\" target=\"_self\" >T-256-01<\/a><\/h4>\n<div class=\"pt-cv-content\">\u00a0 \u00a0 Sentencia T-256\/01 \u00a0 ACCION DE TUTELA-Procedencia \u00a0excepcional pago de acreencias laborales \u00a0 ACCION DE TUTELA-Improcedencia para reliquidaci\u00f3n de pensiones \u00a0 DERECHO DE PETICION-N\u00facleo esencial \u00a0 DERECHO DE PETICION-Pronta resoluci\u00f3n equivale a quince d\u00edas mientras legislador fija t\u00e9rmino distinto \u00a0 DERECHO DE PETICION ANTE EL SEGURO SOCIAL-Aplicaci\u00f3n anal\u00f3gica de t\u00e9rmino de cuatro meses para resolver reconocimiento de pensiones legales \u00a0 DERECHO DE PETICION-Resoluci\u00f3n oportuna y de fondo \u00a0 Referencia: expediente T- 380803 \u00a0 Acci\u00f3n de tutela instaurada por Alberto Montes Giraldo contra la Caja Nacional de Previsi\u00f3n Social. \u00a0 Magistrado Ponente: \u00a0 Dr. EDUARDO MONTEALEGRE LYNETT. \u00a0 Bogot\u00e1, D.C., ...<br \/><div class=\"pt-cv-rmwrap\"><a href=\"https:\/\/www.dmsjuridica.com\/buscador_20179478954\/corteconstitucionalcronologico202454587\/t-256-01\/\" class=\"_self pt-cv-readmore btn btn-success\" target=\"_self\">Ver Sentencia Completa...<\/a><\/div><\/div><\/div><\/div>\n<div class=\"col-md-12 col-sm-12 col-xs-12 pt-cv-content-item pt-cv-1-col\" ><div class='pt-cv-ifield'><a href=\"https:\/\/www.dmsjuridica.com\/buscador_20179478954\/corteconstitucionalcronologico202454587\/t-255-01\/\" class=\"_self pt-cv-href-thumbnail pt-cv-thumb-default\" target=\"_self\" ><\/a>\n<div class=\"pt-cv-taxoterm above_title\"><a href='https:\/\/www.dmsjuridica.com\/buscador_20179478954\/corteconstitucionalcronologico202454587\/category\/buscar-en-toda-la-corte\/2001\/tutelas-2001\/' title='Tutelas 2001' class='pt-cv-tax-tutelas-2001'>Tutelas 2001<\/a><\/div>\n<h4 class=\"pt-cv-title\"><a href=\"https:\/\/www.dmsjuridica.com\/buscador_20179478954\/corteconstitucionalcronologico202454587\/t-255-01\/\" class=\"_self\" target=\"_self\" >T-255-01<\/a><\/h4>\n<div class=\"pt-cv-content\">\u00a0 \u00a0 Sentencia T-255\/01 \u00a0 DERECHO A LA EDUCACION DEL NI\u00d1O HIPERACTIVO-Modalidades de tratamientos \u00a0 DERECHO A LA EDUCACION DEL NI\u00d1O HIPERACTIVO-Responsabilidad \u00a0 Dicha responsabilidad deben asumirla los colegios aunque no sean especializados, pues de lo contrario se estar\u00eda atentando contra el derecho a la igualdad en el acceso a educaci\u00f3n, quiz\u00e1s el m\u00e1s valioso instrumento para alcanzar la libertad y la autonom\u00eda. Adem\u00e1s, esta consideraci\u00f3n no solamente es v\u00e1lida respecto del derecho individual a ser educado, sino que tambi\u00e9n lo es si se analiza el asunto desde la \u00f3ptica del bien com\u00fan y de la solidaridad, pues estigmatizar y ...<br \/><div class=\"pt-cv-rmwrap\"><a href=\"https:\/\/www.dmsjuridica.com\/buscador_20179478954\/corteconstitucionalcronologico202454587\/t-255-01\/\" class=\"_self pt-cv-readmore btn btn-success\" target=\"_self\">Ver Sentencia Completa...<\/a><\/div><\/div><\/div><\/div>\n<div class=\"col-md-12 col-sm-12 col-xs-12 pt-cv-content-item pt-cv-1-col\" ><div class='pt-cv-ifield'><a href=\"https:\/\/www.dmsjuridica.com\/buscador_20179478954\/corteconstitucionalcronologico202454587\/t-254-01\/\" class=\"_self pt-cv-href-thumbnail pt-cv-thumb-default\" target=\"_self\" ><\/a>\n<div class=\"pt-cv-taxoterm above_title\"><a href='https:\/\/www.dmsjuridica.com\/buscador_20179478954\/corteconstitucionalcronologico202454587\/category\/buscar-en-toda-la-corte\/2001\/tutelas-2001\/' title='Tutelas 2001' class='pt-cv-tax-tutelas-2001'>Tutelas 2001<\/a><\/div>\n<h4 class=\"pt-cv-title\"><a href=\"https:\/\/www.dmsjuridica.com\/buscador_20179478954\/corteconstitucionalcronologico202454587\/t-254-01\/\" class=\"_self\" target=\"_self\" >T-254-01<\/a><\/h4>\n<div class=\"pt-cv-content\">\u00a0 \u00a0 Sentencia T-254\/01 \u00a0 DERECHO A LA AUTONOMIA PERSONAL-Universidad exige tratamiento psicol\u00f3gico a estudiante para renovaci\u00f3n de matr\u00edcula \u00a0 Resulta arbitrario que la Universidad obligue al estudiante a someterse a un tratamiento psicol\u00f3gico para renovarle la matr\u00edcula. Adem\u00e1s, este tipo de imposiciones implican una conducta paternalista que atenta contra la autonom\u00eda personal. En efecto, no es v\u00e1lido el argumento consistente en que dicho tratamiento es para la formaci\u00f3n integral del estudiante, puesto que se trata de una persona adulta que puede autodeterminarse, y no es constitucionalmente admisible que la universidad haga este tipo de indicaciones \u00a0que a la postre ...<br \/><div class=\"pt-cv-rmwrap\"><a href=\"https:\/\/www.dmsjuridica.com\/buscador_20179478954\/corteconstitucionalcronologico202454587\/t-254-01\/\" class=\"_self pt-cv-readmore btn btn-success\" target=\"_self\">Ver Sentencia Completa...<\/a><\/div><\/div><\/div><\/div>\n<div class=\"col-md-12 col-sm-12 col-xs-12 pt-cv-content-item pt-cv-1-col\" ><div class='pt-cv-ifield'><a href=\"https:\/\/www.dmsjuridica.com\/buscador_20179478954\/corteconstitucionalcronologico202454587\/t-253-01\/\" class=\"_self pt-cv-href-thumbnail pt-cv-thumb-default\" target=\"_self\" ><\/a>\n<div class=\"pt-cv-taxoterm above_title\"><a href='https:\/\/www.dmsjuridica.com\/buscador_20179478954\/corteconstitucionalcronologico202454587\/category\/buscar-en-toda-la-corte\/2001\/tutelas-2001\/' title='Tutelas 2001' class='pt-cv-tax-tutelas-2001'>Tutelas 2001<\/a><\/div>\n<h4 class=\"pt-cv-title\"><a href=\"https:\/\/www.dmsjuridica.com\/buscador_20179478954\/corteconstitucionalcronologico202454587\/t-253-01\/\" class=\"_self\" target=\"_self\" >T-253-01<\/a><\/h4>\n<div class=\"pt-cv-content\">\u00a0 \u00a0 Sentencia T-253\/01 \u00a0 CREDITO HIPOTECARIO-Improcedencia de reliquidaci\u00f3n por finalizaci\u00f3n de proceso ejecutivo\/CREDITO HIPOTECARIO-Improcedencia de suspensi\u00f3n por finalizaci\u00f3n de proceso ejecutivo \u00a0 Referencia: expedientes acumulados T-335960 y T-337581 \u00a0 Acciones de tutela incoadas por Madis Durango Gonz\u00e1lez contra la Corporaci\u00f3n Social de Ahorro y Vivienda Colmena -Agencia de Monter\u00eda- y el Juzgado Primero Civil del Circuito de Ceret\u00e9; y Milton Daniel Avila Orjuela contra el Banco Central Hipotecario -Sucursal Monter\u00eda- y el Juzgado Tercero Civil del Circuito de Monter\u00eda. \u00a0 Magistrado Ponente: \u00a0 Dr. JOS\u00c9 GREGORIO HERN\u00c1NDEZ GALINDO \u00a0 Bogot\u00e1, D.C., veintiocho (28) de febrero de dos mil uno ...<br \/><div class=\"pt-cv-rmwrap\"><a href=\"https:\/\/www.dmsjuridica.com\/buscador_20179478954\/corteconstitucionalcronologico202454587\/t-253-01\/\" class=\"_self pt-cv-readmore btn btn-success\" target=\"_self\">Ver Sentencia Completa...<\/a><\/div><\/div><\/div><\/div>\n<div class=\"col-md-12 col-sm-12 col-xs-12 pt-cv-content-item pt-cv-1-col\" ><div class='pt-cv-ifield'><a href=\"https:\/\/www.dmsjuridica.com\/buscador_20179478954\/corteconstitucionalcronologico202454587\/t-251-01\/\" class=\"_self pt-cv-href-thumbnail pt-cv-thumb-default\" target=\"_self\" ><\/a>\n<div class=\"pt-cv-taxoterm above_title\"><a href='https:\/\/www.dmsjuridica.com\/buscador_20179478954\/corteconstitucionalcronologico202454587\/category\/buscar-en-toda-la-corte\/2001\/tutelas-2001\/' title='Tutelas 2001' class='pt-cv-tax-tutelas-2001'>Tutelas 2001<\/a><\/div>\n<h4 class=\"pt-cv-title\"><a href=\"https:\/\/www.dmsjuridica.com\/buscador_20179478954\/corteconstitucionalcronologico202454587\/t-251-01\/\" class=\"_self\" target=\"_self\" >T-251-01<\/a><\/h4>\n<div class=\"pt-cv-content\">\u00a0 \u00a0 Sentencia T-251\/01 \u00a0 CONSEJO DE ESTADO-Conocimiento de conflictos en relaci\u00f3n con inscripci\u00f3n en carrera judicial o convocatoria a concursos \u00a0 ACCION DE TUTELA-Nombramiento de Magistrado Sala Disciplinaria Consejo Seccional de la Judicatura \u00a0 ACCION DE TUTELA-Improcedencia nombramiento de magistrado en cargo de carrera por no existir vacante \u00a0 Referencia: expediente T-263.709 \u00a0 Acci\u00f3n de tutela instaurada por Manuel Jer\u00f3nimo Manjarr\u00e9s Correa contra las Salas Jurisdiccionales Disciplinaria y Administrativa del Consejo Superior de la Judicatura. \u00a0 Magistrado Ponente:\u00a0 \u00a0 Dr. ALVARO TAFUR GALVIS \u00a0 La Sala Novena de Revisi\u00f3n de Tutelas de la Corte Constitucional integrada por los Magistrados ...<br \/><div class=\"pt-cv-rmwrap\"><a href=\"https:\/\/www.dmsjuridica.com\/buscador_20179478954\/corteconstitucionalcronologico202454587\/t-251-01\/\" class=\"_self pt-cv-readmore btn btn-success\" target=\"_self\">Ver Sentencia Completa...<\/a><\/div><\/div><\/div><\/div>\n<div class=\"col-md-12 col-sm-12 col-xs-12 pt-cv-content-item pt-cv-1-col\" ><div class='pt-cv-ifield'><a href=\"https:\/\/www.dmsjuridica.com\/buscador_20179478954\/corteconstitucionalcronologico202454587\/t-250-01\/\" class=\"_self pt-cv-href-thumbnail pt-cv-thumb-default\" target=\"_self\" ><\/a>\n<div class=\"pt-cv-taxoterm above_title\"><a href='https:\/\/www.dmsjuridica.com\/buscador_20179478954\/corteconstitucionalcronologico202454587\/category\/buscar-en-toda-la-corte\/2001\/tutelas-2001\/' title='Tutelas 2001' class='pt-cv-tax-tutelas-2001'>Tutelas 2001<\/a><\/div>\n<h4 class=\"pt-cv-title\"><a href=\"https:\/\/www.dmsjuridica.com\/buscador_20179478954\/corteconstitucionalcronologico202454587\/t-250-01\/\" class=\"_self\" target=\"_self\" >T-250-01<\/a><\/h4>\n<div class=\"pt-cv-content\">\u00a0 \u00a0 Sentencia T-250\/01 \u00a0 PREVALENCIA DEL DERECHO SUSTANCIAL\/PERJUICIO IRREMEDIABLE-Retenci\u00f3n indefinida de dineros en entidad financiera\/DERECHO A LA VIDA DIGNA-Persona en circunstancia de debilidad manifiesta \u00a0 DERECHO A LA VIDA DIGNA-Inaplicaci\u00f3n de normas sobre retenci\u00f3n de dineros en entidad financiera \u00a0 Referencia: expediente T-372520 \u00a0 Acci\u00f3n de tutela incoada por el Personero de Bogot\u00e1, a nombre de Laura Mar\u00eda Varela Mora contra Financiera Berm\u00fadez y Valenzuela S.A. C.F.C. -en liquidaci\u00f3n- \u00a0 Magistrado Ponente: \u00a0 Dr. JOS\u00c9 GREGORIO HERN\u00c1NDEZ GALINDO \u00a0 Bogot\u00e1, D.C., veintisiete (27) de febrero de dos mil uno (2001). \u00a0 La Sala Quinta de Revisi\u00f3n de la Corte ...<br \/><div class=\"pt-cv-rmwrap\"><a href=\"https:\/\/www.dmsjuridica.com\/buscador_20179478954\/corteconstitucionalcronologico202454587\/t-250-01\/\" class=\"_self pt-cv-readmore btn btn-success\" target=\"_self\">Ver Sentencia Completa...<\/a><\/div><\/div><\/div><\/div>\n<div class=\"col-md-12 col-sm-12 col-xs-12 pt-cv-content-item pt-cv-1-col\" ><div class='pt-cv-ifield'><a href=\"https:\/\/www.dmsjuridica.com\/buscador_20179478954\/corteconstitucionalcronologico202454587\/t-249-01\/\" class=\"_self pt-cv-href-thumbnail pt-cv-thumb-default\" target=\"_self\" ><\/a>\n<div class=\"pt-cv-taxoterm above_title\"><a href='https:\/\/www.dmsjuridica.com\/buscador_20179478954\/corteconstitucionalcronologico202454587\/category\/buscar-en-toda-la-corte\/2001\/tutelas-2001\/' title='Tutelas 2001' class='pt-cv-tax-tutelas-2001'>Tutelas 2001<\/a><\/div>\n<h4 class=\"pt-cv-title\"><a href=\"https:\/\/www.dmsjuridica.com\/buscador_20179478954\/corteconstitucionalcronologico202454587\/t-249-01\/\" class=\"_self\" target=\"_self\" >T-249-01<\/a><\/h4>\n<div class=\"pt-cv-content\">\u00a0 \u00a0 Sentencia T-249\/01 \u00a0 DERECHO DE PETICION-Notificaci\u00f3n de respuesta al interesado \u00a0 DERECHO DE PETICION FRENTE A ENTIDAD FINANCIERA-Respuesta oportuna y de fondo \u00a0 Referencia: expedientes acumulados T-362529, T-362531, T-362558, T-364332 y T-364337. \u00a0 Magistrado Ponente: \u00a0 Dr. JOS\u00c9 GREGORIO HERN\u00c1NDEZ GALINDO \u00a0 Bogot\u00e1, D.C., veintisiete (27) de febrero de dos mil uno (2001). \u00a0 La Sala Quinta de Revisi\u00f3n de la Corte Constitucional, en ejercicio de sus atribuciones constitucionales y legales, espec\u00edficamente las previstas en los art\u00edculos 86 y \u00a0241, numeral 9, de la Constituci\u00f3n Pol\u00edtica y en el Decreto 2591 de 1991, ha proferido la siguiente \u00a0 ...<br \/><div class=\"pt-cv-rmwrap\"><a href=\"https:\/\/www.dmsjuridica.com\/buscador_20179478954\/corteconstitucionalcronologico202454587\/t-249-01\/\" class=\"_self pt-cv-readmore btn btn-success\" target=\"_self\">Ver Sentencia Completa...<\/a><\/div><\/div><\/div><\/div>\n<div class=\"col-md-12 col-sm-12 col-xs-12 pt-cv-content-item pt-cv-1-col\" ><div class='pt-cv-ifield'><a href=\"https:\/\/www.dmsjuridica.com\/buscador_20179478954\/corteconstitucionalcronologico202454587\/t-248-01\/\" class=\"_self pt-cv-href-thumbnail pt-cv-thumb-default\" target=\"_self\" ><\/a>\n<div class=\"pt-cv-taxoterm above_title\"><a href='https:\/\/www.dmsjuridica.com\/buscador_20179478954\/corteconstitucionalcronologico202454587\/category\/buscar-en-toda-la-corte\/2001\/tutelas-2001\/' title='Tutelas 2001' class='pt-cv-tax-tutelas-2001'>Tutelas 2001<\/a><\/div>\n<h4 class=\"pt-cv-title\"><a href=\"https:\/\/www.dmsjuridica.com\/buscador_20179478954\/corteconstitucionalcronologico202454587\/t-248-01\/\" class=\"_self\" target=\"_self\" >T-248-01<\/a><\/h4>\n<div class=\"pt-cv-content\">\u00a0 \u00a0 Sentencia T-248\/01 \u00a0 ACCION DE TUTELA-Procedencia excepcional pago de acreencias laborales\/DERECHO AL MINIMO VITAL DEL TRABAJADOR-Pago oportuno de salarios \u00a0 DERECHO AL MINIMO VITAL-Alcance \u00a0 EMPLEADOR-Situaci\u00f3n econ\u00f3mica o presupuestal no es \u00f3bice para desconocer pago de salarios \u00a0 DERECHO AL PAGO OPORTUNO DEL SALARIO-Fundamental \u00a0 Reiteraci\u00f3n de Jurisprudencia \u00a0 Referencia: expedientes, T-306174, T-306175, \u00a0 \u00a0 \u00a0 \u00a0 T-306176, T-306177, T-306178, T-306203, \u00a0 \u00a0 T-306204, T-306205, T-306512, T-306513, \u00a0 \u00a0 T-306514, T-306515, T-306516, T-306517, \u00a0 \u00a0 T-306518, T-306519, T-306520, T-306776, \u00a0T-306777, T-306778, T-306779, T-306780, \u00a0 \u00a0 T-306781, T-306782, T-306783, T-306784, \u00a0 \u00a0 T-306785, T-306786, T-306787, T-306788, \u00a0 \u00a0 T-306789 ...<br \/><div class=\"pt-cv-rmwrap\"><a href=\"https:\/\/www.dmsjuridica.com\/buscador_20179478954\/corteconstitucionalcronologico202454587\/t-248-01\/\" class=\"_self pt-cv-readmore btn btn-success\" target=\"_self\">Ver Sentencia Completa...<\/a><\/div><\/div><\/div><\/div>\n<div class=\"col-md-12 col-sm-12 col-xs-12 pt-cv-content-item pt-cv-1-col\" ><div class='pt-cv-ifield'><a href=\"https:\/\/www.dmsjuridica.com\/buscador_20179478954\/corteconstitucionalcronologico202454587\/t-242-01\/\" class=\"_self pt-cv-href-thumbnail pt-cv-thumb-default\" target=\"_self\" ><\/a>\n<div class=\"pt-cv-taxoterm above_title\"><a href='https:\/\/www.dmsjuridica.com\/buscador_20179478954\/corteconstitucionalcronologico202454587\/category\/buscar-en-toda-la-corte\/2001\/tutelas-2001\/' title='Tutelas 2001' class='pt-cv-tax-tutelas-2001'>Tutelas 2001<\/a><\/div>\n<h4 class=\"pt-cv-title\"><a href=\"https:\/\/www.dmsjuridica.com\/buscador_20179478954\/corteconstitucionalcronologico202454587\/t-242-01\/\" class=\"_self\" target=\"_self\" >T-242-01<\/a><\/h4>\n<div class=\"pt-cv-content\">\u00a0 \u00a0 Sentencia T-242\/01 \u00a0 ACCION DE TUTELA-Procedencia excepcional pago de acreencias laborales\/DERECHO AL MINIMO VITAL DEL PENSIONADO-Pago oportuno de mesadas \u00a0 \u00a0 Referencia: expediente T-391627 \u00a0 Acci\u00f3n de tutela instaurada por Tomas David Ram\u00edrez Guerra contra el Alcalde Municipal de San Juan del Cesar (Guajira). \u00a0 Magistrado ponente:\u00a0 \u00a0 Dr. MANUEL JOS\u00c9 CEPEDA ESPINOSA \u00a0 Bogot\u00e1, D.C., veintisiete (27) de febrero de dos mil uno (2001). \u00a0 La Sala Tercera de Revisi\u00f3n de la Corte Constitucional, integrada por los magistrados, Manuel Jos\u00e9 Cepeda Espinosa, Carlos Gaviria D\u00edaz y Jos\u00e9 Gregorio Hern\u00e1ndez Galindo, en ejercicio de sus competencias constitucionales y ...<br \/><div class=\"pt-cv-rmwrap\"><a href=\"https:\/\/www.dmsjuridica.com\/buscador_20179478954\/corteconstitucionalcronologico202454587\/t-242-01\/\" class=\"_self pt-cv-readmore btn btn-success\" target=\"_self\">Ver Sentencia Completa...<\/a><\/div><\/div><\/div><\/div>\n<div class=\"col-md-12 col-sm-12 col-xs-12 pt-cv-content-item pt-cv-1-col\" ><div class='pt-cv-ifield'><a href=\"https:\/\/www.dmsjuridica.com\/buscador_20179478954\/corteconstitucionalcronologico202454587\/t-241-01\/\" class=\"_self pt-cv-href-thumbnail pt-cv-thumb-default\" target=\"_self\" ><\/a>\n<div class=\"pt-cv-taxoterm above_title\"><a href='https:\/\/www.dmsjuridica.com\/buscador_20179478954\/corteconstitucionalcronologico202454587\/category\/buscar-en-toda-la-corte\/2001\/tutelas-2001\/' title='Tutelas 2001' class='pt-cv-tax-tutelas-2001'>Tutelas 2001<\/a><\/div>\n<h4 class=\"pt-cv-title\"><a href=\"https:\/\/www.dmsjuridica.com\/buscador_20179478954\/corteconstitucionalcronologico202454587\/t-241-01\/\" class=\"_self\" target=\"_self\" >T-241-01<\/a><\/h4>\n<div class=\"pt-cv-content\">\u00a0 \u00a0 Sentencia T-241\/01 \u00a0 BONOS PENSIONALES-Procedencia de tutela para reclamar la remisi\u00f3n\/DERECHO A LA VIDA-Remisi\u00f3n oportuna del bono pensional \u00a0 Reiteraci\u00f3n de Jurisprudencia \u00a0 Referencia: expediente T-379524 \u00a0 Acci\u00f3n de tutela instaurada por Mar\u00eda Laudicis Mej\u00eda Vda. de Roa contra la Tesorer\u00eda del Departamento de Santander \u00a0 Magistrado Ponente: \u00a0 Dr. ALVARO TAFUR GALVIS \u00a0 Bogot\u00e1, D.C., a los veintis\u00e9is (26) d\u00edas del mes de febrero de dos mil uno \u00a0(2001). \u00a0 SENTENCIA \u00a0 en el proceso de revisi\u00f3n del fallo adoptado por EL Juzgado Primero Laboral del Circuito de Bucaramanga y por la Sala Laboral del Tribunal Superior ...<br \/><div class=\"pt-cv-rmwrap\"><a href=\"https:\/\/www.dmsjuridica.com\/buscador_20179478954\/corteconstitucionalcronologico202454587\/t-241-01\/\" class=\"_self pt-cv-readmore btn btn-success\" target=\"_self\">Ver Sentencia Completa...<\/a><\/div><\/div><\/div><\/div>\n<div class=\"col-md-12 col-sm-12 col-xs-12 pt-cv-content-item pt-cv-1-col\" ><div class='pt-cv-ifield'><a href=\"https:\/\/www.dmsjuridica.com\/buscador_20179478954\/corteconstitucionalcronologico202454587\/t-240-01\/\" class=\"_self pt-cv-href-thumbnail pt-cv-thumb-default\" target=\"_self\" ><\/a>\n<div class=\"pt-cv-taxoterm above_title\"><a href='https:\/\/www.dmsjuridica.com\/buscador_20179478954\/corteconstitucionalcronologico202454587\/category\/buscar-en-toda-la-corte\/2001\/tutelas-2001\/' title='Tutelas 2001' class='pt-cv-tax-tutelas-2001'>Tutelas 2001<\/a><\/div>\n<h4 class=\"pt-cv-title\"><a href=\"https:\/\/www.dmsjuridica.com\/buscador_20179478954\/corteconstitucionalcronologico202454587\/t-240-01\/\" class=\"_self\" target=\"_self\" >T-240-01<\/a><\/h4>\n<div class=\"pt-cv-content\">\u00a0 \u00a0 Sentencia T-240\/01 \u00a0 DERECHO AL MINIMO VITAL DEL PENSIONADO-Pago oportuno de mesadas \u00a0 Reiteraci\u00f3n de jurisprudencia \u00a0 Referencia: expediente T-374649 \u00a0 Acci\u00f3n de tutela instaurada por Mar\u00eda del Carmen L\u00f3pez Gallego contra la Promotora de Vacaciones y Recreaci\u00f3n Social PROSOCIAL y Ministerio de Hacienda y Cr\u00e9dito P\u00fablico. \u00a0 Magistrado Ponente: \u00a0 Dr. ALVARO TAFUR GALVIS \u00a0 Bogot\u00e1 D.C., a los veintis\u00e9is (26) d\u00edas del mes febrero de dos mil uno (2001). \u00a0 La Sala Novena de Revisi\u00f3n de la Corte Constitucional, en ejercicio de sus competencias constitucionales y legales, espec\u00edficamente las previstas en los art\u00edculos 86 y 241, ...<br \/><div class=\"pt-cv-rmwrap\"><a href=\"https:\/\/www.dmsjuridica.com\/buscador_20179478954\/corteconstitucionalcronologico202454587\/t-240-01\/\" class=\"_self pt-cv-readmore btn btn-success\" target=\"_self\">Ver Sentencia Completa...<\/a><\/div><\/div><\/div><\/div>\n<div class=\"col-md-12 col-sm-12 col-xs-12 pt-cv-content-item pt-cv-1-col\" ><div class='pt-cv-ifield'><a href=\"https:\/\/www.dmsjuridica.com\/buscador_20179478954\/corteconstitucionalcronologico202454587\/t-239-01\/\" class=\"_self pt-cv-href-thumbnail pt-cv-thumb-default\" target=\"_self\" ><\/a>\n<div class=\"pt-cv-taxoterm above_title\"><a href='https:\/\/www.dmsjuridica.com\/buscador_20179478954\/corteconstitucionalcronologico202454587\/category\/buscar-en-toda-la-corte\/2001\/tutelas-2001\/' title='Tutelas 2001' class='pt-cv-tax-tutelas-2001'>Tutelas 2001<\/a><\/div>\n<h4 class=\"pt-cv-title\"><a href=\"https:\/\/www.dmsjuridica.com\/buscador_20179478954\/corteconstitucionalcronologico202454587\/t-239-01\/\" class=\"_self\" target=\"_self\" >T-239-01<\/a><\/h4>\n<div class=\"pt-cv-content\">\u00a0 \u00a0 Sentencia T-239\/01 \u00a0 DERECHO A LA SALUD Y A LA VIDA DEL NI\u00d1O-Cirug\u00eda de ri\u00f1\u00f3n sin cumplir periodo m\u00ednimo de cotizaci\u00f3n \u00a0 Reiteraci\u00f3n de jurisprudencia \u00a0 Referencia: expediente T-340489 \u00a0 Acci\u00f3n de tutela instaurada por Alejandrina Stefanell Fuentes en representaci\u00f3n de su hija Andrea Carolina Stefanell Fuentes, contra la E.P.S. Coomeva. \u00a0 Dr. FABIO MOR\u00d3N D\u00cdAZ \u00a0 Bogot\u00e1, D.C., a los veintis\u00e9is (26) d\u00edas del mes de febrero de dos mil uno (2001). \u00a0 La Sala S\u00e9ptima de Revisi\u00f3n de la Corte Constitucional, en ejercicio de sus competencias constitucionales y legales, en especial las previstas en los art\u00edculos ...<br \/><div class=\"pt-cv-rmwrap\"><a href=\"https:\/\/www.dmsjuridica.com\/buscador_20179478954\/corteconstitucionalcronologico202454587\/t-239-01\/\" class=\"_self pt-cv-readmore btn btn-success\" target=\"_self\">Ver Sentencia Completa...<\/a><\/div><\/div><\/div><\/div>\n<div class=\"col-md-12 col-sm-12 col-xs-12 pt-cv-content-item pt-cv-1-col\" ><div class='pt-cv-ifield'><a href=\"https:\/\/www.dmsjuridica.com\/buscador_20179478954\/corteconstitucionalcronologico202454587\/t-238-01\/\" class=\"_self pt-cv-href-thumbnail pt-cv-thumb-default\" target=\"_self\" ><\/a>\n<div class=\"pt-cv-taxoterm above_title\"><a href='https:\/\/www.dmsjuridica.com\/buscador_20179478954\/corteconstitucionalcronologico202454587\/category\/buscar-en-toda-la-corte\/2001\/tutelas-2001\/' title='Tutelas 2001' class='pt-cv-tax-tutelas-2001'>Tutelas 2001<\/a><\/div>\n<h4 class=\"pt-cv-title\"><a href=\"https:\/\/www.dmsjuridica.com\/buscador_20179478954\/corteconstitucionalcronologico202454587\/t-238-01\/\" class=\"_self\" target=\"_self\" >T-238-01<\/a><\/h4>\n<div class=\"pt-cv-content\">\u00a0 \u00a0 Sentencia T-238\/01 \u00a0 ACCION DE TUTELA-Hecho superado \u00a0 Reiteraci\u00f3n de Jurisprudencia \u00a0 Acci\u00f3n de tutela instaurada por Luis Rosalino Narv\u00e1ez contra Cajanal E.P.S. Y Prosalud Ltda . \u00a0 Magistrado Ponente: \u00a0 Dr. FABIO MOR\u00d3N D\u00cdAZ\u00a0 \u00a0 Bogot\u00e1, D.C., a los veintis\u00e9is (26) d\u00edas del mes de febrero del a\u00f1o dos mil uno (2001). \u00a0\u00a0 \u00a0 La Sala S\u00e9ptima de Revisi\u00f3n de Tutelas de la Corte Constitucional, en ejercicio de sus competencias constitucionales y legales, ha proferido la siguiente \u00a0 SENTENCIA \u00a0 dentro del proceso de revisi\u00f3n de las sentencias de 27 de abril de 2000 proferida por la ...<br \/><div class=\"pt-cv-rmwrap\"><a href=\"https:\/\/www.dmsjuridica.com\/buscador_20179478954\/corteconstitucionalcronologico202454587\/t-238-01\/\" class=\"_self pt-cv-readmore btn btn-success\" target=\"_self\">Ver Sentencia Completa...<\/a><\/div><\/div><\/div><\/div>\n<div class=\"col-md-12 col-sm-12 col-xs-12 pt-cv-content-item pt-cv-1-col\" ><div class='pt-cv-ifield'><a href=\"https:\/\/www.dmsjuridica.com\/buscador_20179478954\/corteconstitucionalcronologico202454587\/t-237-01\/\" class=\"_self pt-cv-href-thumbnail pt-cv-thumb-default\" target=\"_self\" ><\/a>\n<div class=\"pt-cv-taxoterm above_title\"><a href='https:\/\/www.dmsjuridica.com\/buscador_20179478954\/corteconstitucionalcronologico202454587\/category\/buscar-en-toda-la-corte\/2001\/tutelas-2001\/' title='Tutelas 2001' class='pt-cv-tax-tutelas-2001'>Tutelas 2001<\/a><\/div>\n<h4 class=\"pt-cv-title\"><a href=\"https:\/\/www.dmsjuridica.com\/buscador_20179478954\/corteconstitucionalcronologico202454587\/t-237-01\/\" class=\"_self\" target=\"_self\" >T-237-01<\/a><\/h4>\n<div class=\"pt-cv-content\">\u00a0 \u00a0 Sentencia T-237\/01 \u00a0 DERECHO AL MINIMO VITAL-Alcance \u00a0 DERECHO AL MINIMO VITAL DEL PENSIONADO-Pago oportuno de mesadas \u00a0 DERECHO AL MINIMO VITAL-Prueba de la amenaza \u00a0 DERECHO AL MINIMO VITAL DEL PENSIONADO-Presunci\u00f3n de afectaci\u00f3n por no pago oportuno de mesadas \u00a0 DERECHO AL MINIMO VITAL-Caso en que aunque recursos son altos se afecta \u00a0 Reiteraci\u00f3n de Jurisprudencia \u00a0 Referencia: expediente T-376761 \u00a0 Acci\u00f3n de tutela instaurada por Jaime Enrique Galarza Sanclemente contra la Universidad del Valle, el Ministerio de Hacienda y Cr\u00e9dito P\u00fablico y el Departamento del Valle del Cauca. \u00a0 Magistrado Ponente: \u00a0 Dr. RODRIGO ESCOBAR GIL ...<br \/><div class=\"pt-cv-rmwrap\"><a href=\"https:\/\/www.dmsjuridica.com\/buscador_20179478954\/corteconstitucionalcronologico202454587\/t-237-01\/\" class=\"_self pt-cv-readmore btn btn-success\" target=\"_self\">Ver Sentencia Completa...<\/a><\/div><\/div><\/div><\/div>\n<div class=\"col-md-12 col-sm-12 col-xs-12 pt-cv-content-item pt-cv-1-col\" ><div class='pt-cv-ifield'><a href=\"https:\/\/www.dmsjuridica.com\/buscador_20179478954\/corteconstitucionalcronologico202454587\/t-236-01\/\" class=\"_self pt-cv-href-thumbnail pt-cv-thumb-default\" target=\"_self\" ><\/a>\n<div class=\"pt-cv-taxoterm above_title\"><a href='https:\/\/www.dmsjuridica.com\/buscador_20179478954\/corteconstitucionalcronologico202454587\/category\/buscar-en-toda-la-corte\/2001\/tutelas-2001\/' title='Tutelas 2001' class='pt-cv-tax-tutelas-2001'>Tutelas 2001<\/a><\/div>\n<h4 class=\"pt-cv-title\"><a href=\"https:\/\/www.dmsjuridica.com\/buscador_20179478954\/corteconstitucionalcronologico202454587\/t-236-01\/\" class=\"_self\" target=\"_self\" >T-236-01<\/a><\/h4>\n<div class=\"pt-cv-content\">\u00a0 \u00a0 Sentencia T-236\/01 \u00a0 ACCION DE TUTELA-Procedencia excepcional pago de acreencias laborales\/DERECHO AL MINIMO VITAL DEL PENSIONADO-Pago oportuno de mesadas \u00a0 DECRETO QUE ESTABLECE REGLAS DE COMPETENCIA PARA REPARTO DE LA ACCION DE TUTELA-Inaplicaci\u00f3n para el caso \u00a0 NULIDAD POR APLICACION DEL DECRETO QUE ESTABLECE REGLAS DE COMPETENCIA PARA REPARTO DE LA ACCION DE TUTELA \u00a0 Referencia: expedientes T-364488 y T-378935 \u00a0 Acciones de tutela instauradas por Alvaro Morales Torres y Esau Viafara contra los ministerios de Hacienda y Cr\u00e9dito P\u00fablico y de Educaci\u00f3n, el Departamento del Valle del Cauca y la Universidad del Valle \u00a0 Magistrado Ponente: \u00a0 ...<br \/><div class=\"pt-cv-rmwrap\"><a href=\"https:\/\/www.dmsjuridica.com\/buscador_20179478954\/corteconstitucionalcronologico202454587\/t-236-01\/\" class=\"_self pt-cv-readmore btn btn-success\" target=\"_self\">Ver Sentencia Completa...<\/a><\/div><\/div><\/div><\/div>\n<div class=\"col-md-12 col-sm-12 col-xs-12 pt-cv-content-item pt-cv-1-col\" ><div class='pt-cv-ifield'><a href=\"https:\/\/www.dmsjuridica.com\/buscador_20179478954\/corteconstitucionalcronologico202454587\/t-235-01\/\" class=\"_self pt-cv-href-thumbnail pt-cv-thumb-default\" target=\"_self\" ><\/a>\n<div class=\"pt-cv-taxoterm above_title\"><a href='https:\/\/www.dmsjuridica.com\/buscador_20179478954\/corteconstitucionalcronologico202454587\/category\/buscar-en-toda-la-corte\/2001\/tutelas-2001\/' title='Tutelas 2001' class='pt-cv-tax-tutelas-2001'>Tutelas 2001<\/a><\/div>\n<h4 class=\"pt-cv-title\"><a href=\"https:\/\/www.dmsjuridica.com\/buscador_20179478954\/corteconstitucionalcronologico202454587\/t-235-01\/\" class=\"_self\" target=\"_self\" >T-235-01<\/a><\/h4>\n<div class=\"pt-cv-content\">\u00a0 \u00a0 Sentencia T-235\/01 \u00a0 UPAC-Determinaci\u00f3n del valor no podr\u00e1 reflejar movimientos de la tasa de inter\u00e9s en la econom\u00eda\/DEMOCRATIZACION DEL CREDITO \u00a0 JUEZ ORDINARIO-Competencia para garantizar derechos de usuarios del sistema UPAC \u00a0 ACCION DE TUTELA-Improcedencia para solicitar suspensi\u00f3n \u00a0de procesos ejecutivos contra deudores de \u00a0cr\u00e9ditos hipotecarios\/ACCION DE TUTELA TRANSITORIA-Suspensi\u00f3n del proceso cuando se ha programado diligencia de remate \u00a0 En principio, la jurisdicci\u00f3n constitucional no es competente ni la acci\u00f3n de tutela es el medio judicial id\u00f3neo para solicitar la suspensi\u00f3n de los procesos ejecutivos que se adelantan contra deudores de cr\u00e9ditos hipotecarios para financiaci\u00f3n de vivienda. No ...<br \/><div class=\"pt-cv-rmwrap\"><a href=\"https:\/\/www.dmsjuridica.com\/buscador_20179478954\/corteconstitucionalcronologico202454587\/t-235-01\/\" class=\"_self pt-cv-readmore btn btn-success\" target=\"_self\">Ver Sentencia Completa...<\/a><\/div><\/div><\/div><\/div>\n<div class=\"col-md-12 col-sm-12 col-xs-12 pt-cv-content-item pt-cv-1-col\" ><div class='pt-cv-ifield'><a href=\"https:\/\/www.dmsjuridica.com\/buscador_20179478954\/corteconstitucionalcronologico202454587\/t-234-01\/\" class=\"_self pt-cv-href-thumbnail pt-cv-thumb-default\" target=\"_self\" ><\/a>\n<div class=\"pt-cv-taxoterm above_title\"><a href='https:\/\/www.dmsjuridica.com\/buscador_20179478954\/corteconstitucionalcronologico202454587\/category\/buscar-en-toda-la-corte\/2001\/tutelas-2001\/' title='Tutelas 2001' class='pt-cv-tax-tutelas-2001'>Tutelas 2001<\/a><\/div>\n<h4 class=\"pt-cv-title\"><a href=\"https:\/\/www.dmsjuridica.com\/buscador_20179478954\/corteconstitucionalcronologico202454587\/t-234-01\/\" class=\"_self\" target=\"_self\" >T-234-01<\/a><\/h4>\n<div class=\"pt-cv-content\">\u00a0 \u00a0 Sentencia T-234\/01 \u00a0 ACCION DE TUTELA-Naturaleza \u00a0 JUEZ CONSTITUCIONAL-Improcedencia para sustituir a las autoridades en las competencias asignadas por la Constituci\u00f3n Pol\u00edtica \u00a0 GOBIERNO NACIONAL-Formulaci\u00f3n anual del presupuesto y ley de apropiaciones\/JUEZ DE TUTELA-Imposibilidad de modificar presupuesto para incremento salarial de servidores p\u00fablicos \u00a0 ACCION DE TUTELA TRANSITORIA-Improcedencia incremento salarial para servidores p\u00fablicos \u00a0 Referencia: expedientes \u00a0 T-377255, T-377279, T-377381, T-377382, T-377451, T-377452, T-378102, T-378104, T-378231, T-378233, T-378238, T-378239, T-378240, T-378252, T-378253, T-378254, T-378255, T-378256, T-378294, T-378475, T-378476, T-379259, T-379365, T-379527, T-379528, T-379529, T-379534, T-379537, T-379568, T-379583, T-380163. \u00a0 Accionantes: \u00a0 Amado de Jes\u00fas S\u00e1nchez Henao, Pablo Emilio ...<br \/><div class=\"pt-cv-rmwrap\"><a href=\"https:\/\/www.dmsjuridica.com\/buscador_20179478954\/corteconstitucionalcronologico202454587\/t-234-01\/\" class=\"_self pt-cv-readmore btn btn-success\" target=\"_self\">Ver Sentencia Completa...<\/a><\/div><\/div><\/div><\/div>\n<div class=\"col-md-12 col-sm-12 col-xs-12 pt-cv-content-item pt-cv-1-col\" ><div class='pt-cv-ifield'><a href=\"https:\/\/www.dmsjuridica.com\/buscador_20179478954\/corteconstitucionalcronologico202454587\/t-233-01\/\" class=\"_self pt-cv-href-thumbnail pt-cv-thumb-default\" target=\"_self\" ><\/a>\n<div class=\"pt-cv-taxoterm above_title\"><a href='https:\/\/www.dmsjuridica.com\/buscador_20179478954\/corteconstitucionalcronologico202454587\/category\/buscar-en-toda-la-corte\/2001\/tutelas-2001\/' title='Tutelas 2001' class='pt-cv-tax-tutelas-2001'>Tutelas 2001<\/a><\/div>\n<h4 class=\"pt-cv-title\"><a href=\"https:\/\/www.dmsjuridica.com\/buscador_20179478954\/corteconstitucionalcronologico202454587\/t-233-01\/\" class=\"_self\" target=\"_self\" >T-233-01<\/a><\/h4>\n<div class=\"pt-cv-content\">\u00a0 \u00a0 Sentencia T-233\/01\u00a0 \u00a0 DERECHO A LA SALUD DEL INTERNO-Atenci\u00f3n m\u00e9dica adecuada, digna y oportuna \u00a0 DERECHO A LA SALUD DEL INTERNO-Protecci\u00f3n aunque no se encuentre en circunstancia extrema\/ESTABLECIMIENTO CARCELARIO-Inexistencia de contrato de prestaci\u00f3n de servicios con hospitales no lo exime de cuidar salud del interno \u00a0 Referencia: expediente T-374.774 \u00a0 Magistrado Ponente: \u00a0 Dr. EDUARDO MONTEALEGRE LYNETT \u00a0 Bogot\u00e1, D.C., febrero veintis\u00e9is (26).de dos mil uno (2001). \u00a0 La Sala Primera de Revisi\u00f3n de la Corte Constitucional, integrada por los Magistrados Alfredo Beltr\u00e1n Sierra, Manuel Jos\u00e9 Cepeda Espinosa y Eduardo Montealegre Lynett, quien la preside, en ejercicio de ...<br \/><div class=\"pt-cv-rmwrap\"><a href=\"https:\/\/www.dmsjuridica.com\/buscador_20179478954\/corteconstitucionalcronologico202454587\/t-233-01\/\" class=\"_self pt-cv-readmore btn btn-success\" target=\"_self\">Ver Sentencia Completa...<\/a><\/div><\/div><\/div><\/div>\n<div class=\"col-md-12 col-sm-12 col-xs-12 pt-cv-content-item pt-cv-1-col\" ><div class='pt-cv-ifield'><a href=\"https:\/\/www.dmsjuridica.com\/buscador_20179478954\/corteconstitucionalcronologico202454587\/t-232-01\/\" class=\"_self pt-cv-href-thumbnail pt-cv-thumb-default\" target=\"_self\" ><\/a>\n<div class=\"pt-cv-taxoterm above_title\"><a href='https:\/\/www.dmsjuridica.com\/buscador_20179478954\/corteconstitucionalcronologico202454587\/category\/buscar-en-toda-la-corte\/2001\/tutelas-2001\/' title='Tutelas 2001' class='pt-cv-tax-tutelas-2001'>Tutelas 2001<\/a><\/div>\n<h4 class=\"pt-cv-title\"><a href=\"https:\/\/www.dmsjuridica.com\/buscador_20179478954\/corteconstitucionalcronologico202454587\/t-232-01\/\" class=\"_self\" target=\"_self\" >T-232-01<\/a><\/h4>\n<div class=\"pt-cv-content\">\u00a0 \u00a0 Sentencia T-232\/01 \u00a0 DERECHO DE PETICION-Alcance\/DERECHO DE PETICION-T\u00e9rmino para resolver\/DERECHO DE PETICION ANTE SEGURO SOCIAL-Aplicaci\u00f3n anal\u00f3gica de t\u00e9rmino de cuatro meses para resolver reconocimiento de pensiones legales \u00a0 Referencia: Expedientes T-374078, T-374103, T-374109, T-374113, T-374121, T-375418, T-376130, T-376835 \u00a0 Acciones de tutela instauradas por Mar\u00eda Fidelina Castillo Medina, Evergito G\u00f3mez Betancurth, Efra\u00edn Gir\u00f3n y Gumercindo Ru\u00edz Jim\u00e9nez contra el Seguro Social y Bernab\u00e9 C\u00e1rdenas, Josefa Castro de Mart\u00ednez, Jaime Arturo Pardo Velosa y Rodulfo Rodr\u00edguez P\u00e9rez contra Cajanal. \u00a0 Magistrado ponente: \u00a0 Dr. EDUARDO MONTEALEGRE LYNETT \u00a0 Bogot\u00e1, D.C., veintiseis (26) de febrero de dos mil uno (2001) ...<br \/><div class=\"pt-cv-rmwrap\"><a href=\"https:\/\/www.dmsjuridica.com\/buscador_20179478954\/corteconstitucionalcronologico202454587\/t-232-01\/\" class=\"_self pt-cv-readmore btn btn-success\" target=\"_self\">Ver Sentencia Completa...<\/a><\/div><\/div><\/div><\/div>\n<div class=\"col-md-12 col-sm-12 col-xs-12 pt-cv-content-item pt-cv-1-col\" ><div class='pt-cv-ifield'><a href=\"https:\/\/www.dmsjuridica.com\/buscador_20179478954\/corteconstitucionalcronologico202454587\/t-231-01\/\" class=\"_self pt-cv-href-thumbnail pt-cv-thumb-default\" target=\"_self\" ><\/a>\n<div class=\"pt-cv-taxoterm above_title\"><a href='https:\/\/www.dmsjuridica.com\/buscador_20179478954\/corteconstitucionalcronologico202454587\/category\/buscar-en-toda-la-corte\/2001\/tutelas-2001\/' title='Tutelas 2001' class='pt-cv-tax-tutelas-2001'>Tutelas 2001<\/a><\/div>\n<h4 class=\"pt-cv-title\"><a href=\"https:\/\/www.dmsjuridica.com\/buscador_20179478954\/corteconstitucionalcronologico202454587\/t-231-01\/\" class=\"_self\" target=\"_self\" >T-231-01<\/a><\/h4>\n<div class=\"pt-cv-content\">\u00a0 \u00a0 Sentencia T-231\/01 \u00a0 PRINCIPIO DE UNIVERSALIDAD DEL SISTEMA DE SEGURIDAD SOCIAL EN SALUD-Protecci\u00f3n \u00a0 MUJER EMBARAZADA-Especial asistencia y protecci\u00f3n del Estado\/SISBEN-Protecci\u00f3n especial a la mujer embarazada \u00a0 NASCITURUS-Protecci\u00f3n constitucional \u00a0 DERECHOS DEL NI\u00d1O-Protecci\u00f3n constitucional especial\/MADRE CABEZA DE FAMILIA-Protecci\u00f3n constitucional especial \u00a0 DERECHO A LA IGUALDAD-Vulneraci\u00f3n por requerir el SISBEN solicitud de insistencia de visitas para lograr nueva clasificaci\u00f3n \u00a0 Referencia: expediente T- 374947 \u00a0 Accionado: Secretar\u00eda de Planeaci\u00f3n Municipal de Medell\u00edn-Departamento de An\u00e1lisis Estad\u00edstico-SISBEN \u00a0 Magistrado Ponente:\u00a0 \u00a0 Dr. ALEJANDRO MART\u00cdNEZ CABALLERO \u00a0 Bogot\u00e1 D.C., \u00a0veintitr\u00e9s \u00a0(23) \u00a0de febrero \u00a0de dos mil uno (2001) \u00a0 La Sala Sexta ...<br \/><div class=\"pt-cv-rmwrap\"><a href=\"https:\/\/www.dmsjuridica.com\/buscador_20179478954\/corteconstitucionalcronologico202454587\/t-231-01\/\" class=\"_self pt-cv-readmore btn btn-success\" target=\"_self\">Ver Sentencia Completa...<\/a><\/div><\/div><\/div><\/div>\n<div class=\"col-md-12 col-sm-12 col-xs-12 pt-cv-content-item pt-cv-1-col\" ><div class='pt-cv-ifield'><a href=\"https:\/\/www.dmsjuridica.com\/buscador_20179478954\/corteconstitucionalcronologico202454587\/t-230-01\/\" class=\"_self pt-cv-href-thumbnail pt-cv-thumb-default\" target=\"_self\" ><\/a>\n<div class=\"pt-cv-taxoterm above_title\"><a href='https:\/\/www.dmsjuridica.com\/buscador_20179478954\/corteconstitucionalcronologico202454587\/category\/buscar-en-toda-la-corte\/2001\/tutelas-2001\/' title='Tutelas 2001' class='pt-cv-tax-tutelas-2001'>Tutelas 2001<\/a><\/div>\n<h4 class=\"pt-cv-title\"><a href=\"https:\/\/www.dmsjuridica.com\/buscador_20179478954\/corteconstitucionalcronologico202454587\/t-230-01\/\" class=\"_self\" target=\"_self\" >T-230-01<\/a><\/h4>\n<div class=\"pt-cv-content\">\u00a0 \u00a0 Sentencia T-230\/01 \u00a0 MEDIO DE DEFENSA JUDICIAL-Improcedencia de tutela por no afectaci\u00f3n del m\u00ednimo vital \u00a0 Reiteraci\u00f3n de Jurisprudencia \u00a0 Referencia: expediente T- 372313 \u00a0 Acci\u00f3n de tutela instaurada por Carlos Gentil Granja Arias y Arnolfo Manjarr\u00e9z Rocha \u00a0contra el Presidente de la Junta Directiva \u00a0y el Gerente de Telecaquet\u00e1. \u00a0 Magistrado Ponente: \u00a0 Dr. ALVARO TAFUR GALVIS \u00a0 Bogot\u00e1, D.C. a los veintitr\u00e9s (23) d\u00edas del mes de febrero de dos mil uno (2001). \u00a0 La Sala Novena de Revisi\u00f3n de la Corte Constitucional, en ejercicio de sus competencias constitucionales y legales, en particular las contenidas en ...<br \/><div class=\"pt-cv-rmwrap\"><a href=\"https:\/\/www.dmsjuridica.com\/buscador_20179478954\/corteconstitucionalcronologico202454587\/t-230-01\/\" class=\"_self pt-cv-readmore btn btn-success\" target=\"_self\">Ver Sentencia Completa...<\/a><\/div><\/div><\/div><\/div>\n<div class=\"col-md-12 col-sm-12 col-xs-12 pt-cv-content-item pt-cv-1-col\" ><div class='pt-cv-ifield'><a href=\"https:\/\/www.dmsjuridica.com\/buscador_20179478954\/corteconstitucionalcronologico202454587\/t-229-01\/\" class=\"_self pt-cv-href-thumbnail pt-cv-thumb-default\" target=\"_self\" ><\/a>\n<div class=\"pt-cv-taxoterm above_title\"><a href='https:\/\/www.dmsjuridica.com\/buscador_20179478954\/corteconstitucionalcronologico202454587\/category\/buscar-en-toda-la-corte\/2001\/tutelas-2001\/' title='Tutelas 2001' class='pt-cv-tax-tutelas-2001'>Tutelas 2001<\/a><\/div>\n<h4 class=\"pt-cv-title\"><a href=\"https:\/\/www.dmsjuridica.com\/buscador_20179478954\/corteconstitucionalcronologico202454587\/t-229-01\/\" class=\"_self\" target=\"_self\" >T-229-01<\/a><\/h4>\n<div class=\"pt-cv-content\">\u00a0 \u00a0 Sentencia T-229\/01 \u00a0 ACCION DE TUTELA-Procedencia excepcional pago de mesadas pensionales\/DERECHO AL MINIMO VITAL DEL PENSIONADO-Pago oportuno de mesadas \u00a0 Reiteraci\u00f3n de Jurisprudencia \u00a0 Referencia: expediente T-371632. \u00a0 Acci\u00f3n de tutela instaurada por Alfonso Hurtado Pinz\u00f3n contra la Caja de Previsi\u00f3n Social de Boyac\u00e1. \u00a0 Magistrado Ponente: \u00a0 Dr. ALVARO TAFUR GALVIS \u00a0 Bogot\u00e1 D.C., a los veintitr\u00e9s (23) d\u00edas del mes de febrero de dos mil uno (2001). \u00a0 La Sala Novena de Revisi\u00f3n de la Corte Constitucional, en ejercicio de sus competencias constitucionales y legales, espec\u00edficamente las previstas en los art\u00edculos 86 y 241, numeral 9, ...<br \/><div class=\"pt-cv-rmwrap\"><a href=\"https:\/\/www.dmsjuridica.com\/buscador_20179478954\/corteconstitucionalcronologico202454587\/t-229-01\/\" class=\"_self pt-cv-readmore btn btn-success\" target=\"_self\">Ver Sentencia Completa...<\/a><\/div><\/div><\/div><\/div>\n<div class=\"col-md-12 col-sm-12 col-xs-12 pt-cv-content-item pt-cv-1-col\" ><div class='pt-cv-ifield'><a href=\"https:\/\/www.dmsjuridica.com\/buscador_20179478954\/corteconstitucionalcronologico202454587\/t-228-01\/\" class=\"_self pt-cv-href-thumbnail pt-cv-thumb-default\" target=\"_self\" ><\/a>\n<div class=\"pt-cv-taxoterm above_title\"><a href='https:\/\/www.dmsjuridica.com\/buscador_20179478954\/corteconstitucionalcronologico202454587\/category\/buscar-en-toda-la-corte\/2001\/tutelas-2001\/' title='Tutelas 2001' class='pt-cv-tax-tutelas-2001'>Tutelas 2001<\/a><\/div>\n<h4 class=\"pt-cv-title\"><a href=\"https:\/\/www.dmsjuridica.com\/buscador_20179478954\/corteconstitucionalcronologico202454587\/t-228-01\/\" class=\"_self\" target=\"_self\" >T-228-01<\/a><\/h4>\n<div class=\"pt-cv-content\">\u00a0 \u00a0 Sentencia T-228\/01 \u00a0 ACCION DE TUTELA-Naturaleza \u00a0 JUEZ CONSTITUCIONAL-Improcedencia para sustituir a las autoridades en las competencias asignadas por la Constituci\u00f3n Pol\u00edtica \u00a0 GOBIERNO NACIONAL-Formulaci\u00f3n anual del presupuesto y ley de apropiaciones\/JUEZ DE TUTELA-Imposibilidad de modificar presupuesto para incremento salarial de servidores p\u00fablicos \u00a0 ACCION DE TUTELA TRANSITORIA-Improcedencia incremento salarial para servidores p\u00fablicos \u00a0 Referencia: expedientesT-370797, y acumulados \u00a0 T-370926, T-370927, T-370948, T-370949, \u00a0 T-371232, T-371235, T-371240, T-371241, \u00a0 T-371465, T-371466, T-371467, T-371468, \u00a0 T-371999, T-372013, T-372018, T-372250, \u00a0\u00a0 \u00a0 T-372310, T-372387, T-372663, T-372664, \u00a0 T-372665, T-372684, T-372685, T-372686, \u00a0 T-372687, T-372688, T-372689, T-372690, \u00a0 T-372691, T-372692, T-372693, ...<br \/><div class=\"pt-cv-rmwrap\"><a href=\"https:\/\/www.dmsjuridica.com\/buscador_20179478954\/corteconstitucionalcronologico202454587\/t-228-01\/\" class=\"_self pt-cv-readmore btn btn-success\" target=\"_self\">Ver Sentencia Completa...<\/a><\/div><\/div><\/div><\/div>\n<div class=\"col-md-12 col-sm-12 col-xs-12 pt-cv-content-item pt-cv-1-col\" ><div class='pt-cv-ifield'><a href=\"https:\/\/www.dmsjuridica.com\/buscador_20179478954\/corteconstitucionalcronologico202454587\/t-227-01\/\" class=\"_self pt-cv-href-thumbnail pt-cv-thumb-default\" target=\"_self\" ><\/a>\n<div class=\"pt-cv-taxoterm above_title\"><a href='https:\/\/www.dmsjuridica.com\/buscador_20179478954\/corteconstitucionalcronologico202454587\/category\/buscar-en-toda-la-corte\/2001\/tutelas-2001\/' title='Tutelas 2001' class='pt-cv-tax-tutelas-2001'>Tutelas 2001<\/a><\/div>\n<h4 class=\"pt-cv-title\"><a href=\"https:\/\/www.dmsjuridica.com\/buscador_20179478954\/corteconstitucionalcronologico202454587\/t-227-01\/\" class=\"_self\" target=\"_self\" >T-227-01<\/a><\/h4>\n<div class=\"pt-cv-content\">\u00a0 \u00a0 Sentencia T-227\/01 \u00a0 DERECHO A LA SALUD-Pacientes no deben sufrir consecuencias por demora en realizaci\u00f3n de ex\u00e1menes \u00a0 Los beneficiarios del sistema de seguridad social en salud, no est\u00e1n obligados a sufrir los inconvenientes burocr\u00e1ticos de las entidades encargadas de prestar el servicio de salud. Los pacientes que requieran tratamientos o ex\u00e1menes m\u00e9dicos, no pueden ver prolongada indefinidamente su atenci\u00f3n por la falta de eficiencia de los prestadores del servicio, quienes no pueden sustraerse a su prestaci\u00f3n, so pretexto de la necesidad de llevar a cabo ciertos tr\u00e1mites. Estos procesos burocr\u00e1ticos deben ser ajenos a la prestaci\u00f3n misma ...<br \/><div class=\"pt-cv-rmwrap\"><a href=\"https:\/\/www.dmsjuridica.com\/buscador_20179478954\/corteconstitucionalcronologico202454587\/t-227-01\/\" class=\"_self pt-cv-readmore btn btn-success\" target=\"_self\">Ver Sentencia Completa...<\/a><\/div><\/div><\/div><\/div>\n<div class=\"col-md-12 col-sm-12 col-xs-12 pt-cv-content-item pt-cv-1-col\" ><div class='pt-cv-ifield'><a href=\"https:\/\/www.dmsjuridica.com\/buscador_20179478954\/corteconstitucionalcronologico202454587\/t-226-01\/\" class=\"_self pt-cv-href-thumbnail pt-cv-thumb-default\" target=\"_self\" ><\/a>\n<div class=\"pt-cv-taxoterm above_title\"><a href='https:\/\/www.dmsjuridica.com\/buscador_20179478954\/corteconstitucionalcronologico202454587\/category\/buscar-en-toda-la-corte\/2001\/tutelas-2001\/' title='Tutelas 2001' class='pt-cv-tax-tutelas-2001'>Tutelas 2001<\/a><\/div>\n<h4 class=\"pt-cv-title\"><a href=\"https:\/\/www.dmsjuridica.com\/buscador_20179478954\/corteconstitucionalcronologico202454587\/t-226-01\/\" class=\"_self\" target=\"_self\" >T-226-01<\/a><\/h4>\n<div class=\"pt-cv-content\">\u00a0 \u00a0 Sentencia T-226\/01 \u00a0 ACCION DE TUTELA-Procedencia excepcional pago de acreencias laborales \u00a0 DERECHO AL MINIMO VITAL DEL PENSIONADO\u00ad-Pago oportuno de mesadas \u00a0 Referencia: Expediente T-401097\u00a0 \u00a0 Actor: Alvaro Nieto Hamann \u00a0 Demandado: \u00a0 Universidad del Valle, Ministerio de Hacienda y Cr\u00e9dito P\u00fablico y otros.\u00a0 \u00a0 Magistrado Ponente: \u00a0 Dr. FABIO MORON DIAZ\u00a0 \u00a0 Bogot\u00e1, D.C., febrero veintid\u00f3s (22) de dos mil uno (2001) \u00a0 La Sala S\u00e9ptima de Revisi\u00f3n de Tutelas de la Corte Constitucional, integrada por los Magistrados RODRIGO ESCOBAR GIL, ALVARO TAFUR GALVIS y FABIO MORON DIAZ, en ejercicio de sus competencias constitucionales y legales, ha ...<br \/><div class=\"pt-cv-rmwrap\"><a href=\"https:\/\/www.dmsjuridica.com\/buscador_20179478954\/corteconstitucionalcronologico202454587\/t-226-01\/\" class=\"_self pt-cv-readmore btn btn-success\" target=\"_self\">Ver Sentencia Completa...<\/a><\/div><\/div><\/div><\/div>\n<div class=\"col-md-12 col-sm-12 col-xs-12 pt-cv-content-item pt-cv-1-col\" ><div class='pt-cv-ifield'><a href=\"https:\/\/www.dmsjuridica.com\/buscador_20179478954\/corteconstitucionalcronologico202454587\/t-225-01\/\" class=\"_self pt-cv-href-thumbnail pt-cv-thumb-default\" target=\"_self\" ><\/a>\n<div class=\"pt-cv-taxoterm above_title\"><a href='https:\/\/www.dmsjuridica.com\/buscador_20179478954\/corteconstitucionalcronologico202454587\/category\/buscar-en-toda-la-corte\/2001\/tutelas-2001\/' title='Tutelas 2001' class='pt-cv-tax-tutelas-2001'>Tutelas 2001<\/a><\/div>\n<h4 class=\"pt-cv-title\"><a href=\"https:\/\/www.dmsjuridica.com\/buscador_20179478954\/corteconstitucionalcronologico202454587\/t-225-01\/\" class=\"_self\" target=\"_self\" >T-225-01<\/a><\/h4>\n<div class=\"pt-cv-content\">\u00a0 \u00a0 Sentencia T-225\/01 \u00a0 ACCION DE TUTELA-Hecho superado por pago de acreencias laborales \u00a0 Referencia: expediente T-396923 \u00a0 Acci\u00f3n de tutela interpuesta por Zoila Rosa Paulina Muriel Leon contra el Municipio de Cali. \u00a0 Magistrado Ponente: \u00a0 Dr. FABIO MORON DIAZ \u00a0 \u00a0 \u00a0 \u00a0 \u00a0 \u00a0 \u00a0 \u00a0 \u00a0 \u00a0 \u00a0 \u00a0 \u00a0 \u00a0 \u00a0 \u00a0 \u00a0 \u00a0 Bogot\u00e1, D.C., febrero veintid\u00f3s (22) de dos mil uno (2001). \u00a0 La Sala S\u00e9ptima de Revisi\u00f3n de Tutelas de la Corte Constitucional, integrada por los Magistrados FABIO MORON DIAZ, RODRIGO ESCOBAR GIL y ALVARO TAFUR GALVIS, en ejercicio de sus ...<br \/><div class=\"pt-cv-rmwrap\"><a href=\"https:\/\/www.dmsjuridica.com\/buscador_20179478954\/corteconstitucionalcronologico202454587\/t-225-01\/\" class=\"_self pt-cv-readmore btn btn-success\" target=\"_self\">Ver Sentencia Completa...<\/a><\/div><\/div><\/div><\/div>\n<div class=\"col-md-12 col-sm-12 col-xs-12 pt-cv-content-item pt-cv-1-col\" ><div class='pt-cv-ifield'><a href=\"https:\/\/www.dmsjuridica.com\/buscador_20179478954\/corteconstitucionalcronologico202454587\/t-224-01\/\" class=\"_self pt-cv-href-thumbnail pt-cv-thumb-default\" target=\"_self\" ><\/a>\n<div class=\"pt-cv-taxoterm above_title\"><a href='https:\/\/www.dmsjuridica.com\/buscador_20179478954\/corteconstitucionalcronologico202454587\/category\/buscar-en-toda-la-corte\/2001\/tutelas-2001\/' title='Tutelas 2001' class='pt-cv-tax-tutelas-2001'>Tutelas 2001<\/a><\/div>\n<h4 class=\"pt-cv-title\"><a href=\"https:\/\/www.dmsjuridica.com\/buscador_20179478954\/corteconstitucionalcronologico202454587\/t-224-01\/\" class=\"_self\" target=\"_self\" >T-224-01<\/a><\/h4>\n<div class=\"pt-cv-content\">\u00a0 \u00a0 Sentencia T-224\/01 \u00a0 ACCION DE TUTELA CONTRA PARTICULARES-Indefensi\u00f3n \u00a0 AUTORIDAD PUBLICA-Sanciona conductas de personas que amenacen tranquilidad de conjunto residencial\/JUNTA ADMINISTRADORA DE CONJUNTO RESIDENCIAL-Carece de competencia para sancionar conductas de personas que amenacen tranquilidad\u00a0 \u00a0 Si bien \u201c... la comunidad del conjunto habitacional tiene derecho a ser protegida ante conductas delictivas o respecto de actos que, por ser violentos, amenazan su pac\u00edfica convivencia y hasta pueden poner en peligro la integridad y la vida de residentes y visitantes, son las autoridades p\u00fablicas las llamadas a sancionar, previo proceso, tales conductas.\u201d No quiere decir lo anterior, que los habitantes ...<br \/><div class=\"pt-cv-rmwrap\"><a href=\"https:\/\/www.dmsjuridica.com\/buscador_20179478954\/corteconstitucionalcronologico202454587\/t-224-01\/\" class=\"_self pt-cv-readmore btn btn-success\" target=\"_self\">Ver Sentencia Completa...<\/a><\/div><\/div><\/div><\/div>\n<div class=\"col-md-12 col-sm-12 col-xs-12 pt-cv-content-item pt-cv-1-col\" ><div class='pt-cv-ifield'><a href=\"https:\/\/www.dmsjuridica.com\/buscador_20179478954\/corteconstitucionalcronologico202454587\/t-223-01\/\" class=\"_self pt-cv-href-thumbnail pt-cv-thumb-default\" target=\"_self\" ><\/a>\n<div class=\"pt-cv-taxoterm above_title\"><a href='https:\/\/www.dmsjuridica.com\/buscador_20179478954\/corteconstitucionalcronologico202454587\/category\/buscar-en-toda-la-corte\/2001\/tutelas-2001\/' title='Tutelas 2001' class='pt-cv-tax-tutelas-2001'>Tutelas 2001<\/a><\/div>\n<h4 class=\"pt-cv-title\"><a href=\"https:\/\/www.dmsjuridica.com\/buscador_20179478954\/corteconstitucionalcronologico202454587\/t-223-01\/\" class=\"_self\" target=\"_self\" >T-223-01<\/a><\/h4>\n<div class=\"pt-cv-content\">\u00a0 \u00a0 Sentencia T-223\/01 \u00a0 MEDIO DE DEFENSA JUDICIAL-Reintegro al cargo \u00a0 PERJUICIO IRREMEDIABLE-Inexistencia por pago de indemnizaci\u00f3n \u00a0 ACCION DE TUTELA-Subsidiariedad \u00a0 PROCESO DE REESTRUCTURACION-Pago de indemnizaci\u00f3n \u00a0 Reiteraci\u00f3n de Jurisprudencia \u00a0 Referencia: expediente T-379834 \u00a0 Acci\u00f3n de Tutela instaurada por el Sindicato de Trabajadores Oficiales del Instituto de Salud de Bucaramanga, \u201dSINTRAOFISABU\u201d, contra el Instituto de Salud de Bucaramanga \u2013ISABU. \u00a0 Magistrado Ponente: \u00a0 Dr. FABIO MORON DIAZ \u00a0 Bogot\u00e1, D.C. febrero veintid\u00f3s (22) del dos mil uno (2001). \u00a0 La Sala S\u00e9ptima de Revisi\u00f3n de Tutelas de la Corte Constitucional, integrada por los Magistrados Fabio Mor\u00f3n D\u00edaz, ...<br \/><div class=\"pt-cv-rmwrap\"><a href=\"https:\/\/www.dmsjuridica.com\/buscador_20179478954\/corteconstitucionalcronologico202454587\/t-223-01\/\" class=\"_self pt-cv-readmore btn btn-success\" target=\"_self\">Ver Sentencia Completa...<\/a><\/div><\/div><\/div><\/div>\n<div class=\"col-md-12 col-sm-12 col-xs-12 pt-cv-content-item pt-cv-1-col\" ><div class='pt-cv-ifield'><a href=\"https:\/\/www.dmsjuridica.com\/buscador_20179478954\/corteconstitucionalcronologico202454587\/t-222-01\/\" class=\"_self pt-cv-href-thumbnail pt-cv-thumb-default\" target=\"_self\" ><\/a>\n<div class=\"pt-cv-taxoterm above_title\"><a href='https:\/\/www.dmsjuridica.com\/buscador_20179478954\/corteconstitucionalcronologico202454587\/category\/buscar-en-toda-la-corte\/2001\/tutelas-2001\/' title='Tutelas 2001' class='pt-cv-tax-tutelas-2001'>Tutelas 2001<\/a><\/div>\n<h4 class=\"pt-cv-title\"><a href=\"https:\/\/www.dmsjuridica.com\/buscador_20179478954\/corteconstitucionalcronologico202454587\/t-222-01\/\" class=\"_self\" target=\"_self\" >T-222-01<\/a><\/h4>\n<div class=\"pt-cv-content\">\u00a0 \u00a0 Sentencia T-222\/01 \u00a0 ACCION DE TUTELA-Hecho superado\/SISBEN-Reclasificaci\u00f3n \u00a0 Referencia: expediente T-353427 \u00a0 Acci\u00f3n de tutela instaurada por Zenaida Garrido Gonz\u00e1lez contra la Secretar\u00eda Distrital de Salud. \u00a0 Magistrado Ponente: \u00a0 Dr. FABIO MOR\u00d3N D\u00cdAZ\u00a0 \u00a0 Bogot\u00e1, D.C., a los veintid\u00f3s (22) d\u00edas del mes de febrero del a\u00f1o dos mil uno (2001). \u00a0\u00a0 \u00a0 La Sala S\u00e9ptima de Revisi\u00f3n de la Corte Constitucional, en ejercicio de sus competencias constitucionales y legales, en particular las contenidas en los art\u00edculos 86 y 241, numeral 9, de la Constituci\u00f3n y en el Decreto 2591 de 1991, ha proferido la siguiente \u00a0 ...<br \/><div class=\"pt-cv-rmwrap\"><a href=\"https:\/\/www.dmsjuridica.com\/buscador_20179478954\/corteconstitucionalcronologico202454587\/t-222-01\/\" class=\"_self pt-cv-readmore btn btn-success\" target=\"_self\">Ver Sentencia Completa...<\/a><\/div><\/div><\/div><\/div>\n<div class=\"col-md-12 col-sm-12 col-xs-12 pt-cv-content-item pt-cv-1-col\" ><div class='pt-cv-ifield'><a href=\"https:\/\/www.dmsjuridica.com\/buscador_20179478954\/corteconstitucionalcronologico202454587\/t-221-01\/\" class=\"_self pt-cv-href-thumbnail pt-cv-thumb-default\" target=\"_self\" ><\/a>\n<div class=\"pt-cv-taxoterm above_title\"><a href='https:\/\/www.dmsjuridica.com\/buscador_20179478954\/corteconstitucionalcronologico202454587\/category\/buscar-en-toda-la-corte\/2001\/tutelas-2001\/' title='Tutelas 2001' class='pt-cv-tax-tutelas-2001'>Tutelas 2001<\/a><\/div>\n<h4 class=\"pt-cv-title\"><a href=\"https:\/\/www.dmsjuridica.com\/buscador_20179478954\/corteconstitucionalcronologico202454587\/t-221-01\/\" class=\"_self\" target=\"_self\" >T-221-01<\/a><\/h4>\n<div class=\"pt-cv-content\">\u00a0 \u00a0 Sentencia T-221\/01 \u00a0 ACCION DE TUTELA-Improcedencia pago de mesada pensional por no afectaci\u00f3n del m\u00ednimo vital \u00a0 Reiteraci\u00f3n de Jurisprudencia \u00a0 Referencia: expediente T-350350 \u00a0 Acci\u00f3n de tutela instaurada por Hernando Jos\u00e9 Vargas Estrada contra el Instituto Financiero y de Fomento para el Desarrollo Municipal y de Servicios P\u00fablicos INFIPAL - en liquidaci\u00f3n -. \u00a0 Magistrado Ponente: \u00a0 Dr. FABIO MOR\u00d3N D\u00cdAZ \u00a0 Bogot\u00e1, D.C., a los veintid\u00f3s (22) d\u00edas del mes de febrero de dos mil uno (2001). \u00a0 La Sala Sexta de Revisi\u00f3n de la Corte Constitucional, en ejercicio de sus competencias constitucionales y legales, en ...<br \/><div class=\"pt-cv-rmwrap\"><a href=\"https:\/\/www.dmsjuridica.com\/buscador_20179478954\/corteconstitucionalcronologico202454587\/t-221-01\/\" class=\"_self pt-cv-readmore btn btn-success\" target=\"_self\">Ver Sentencia Completa...<\/a><\/div><\/div><\/div><\/div>\n<div class=\"col-md-12 col-sm-12 col-xs-12 pt-cv-content-item pt-cv-1-col\" ><div class='pt-cv-ifield'><a href=\"https:\/\/www.dmsjuridica.com\/buscador_20179478954\/corteconstitucionalcronologico202454587\/t-220-01\/\" class=\"_self pt-cv-href-thumbnail pt-cv-thumb-default\" target=\"_self\" ><\/a>\n<div class=\"pt-cv-taxoterm above_title\"><a href='https:\/\/www.dmsjuridica.com\/buscador_20179478954\/corteconstitucionalcronologico202454587\/category\/buscar-en-toda-la-corte\/2001\/tutelas-2001\/' title='Tutelas 2001' class='pt-cv-tax-tutelas-2001'>Tutelas 2001<\/a><\/div>\n<h4 class=\"pt-cv-title\"><a href=\"https:\/\/www.dmsjuridica.com\/buscador_20179478954\/corteconstitucionalcronologico202454587\/t-220-01\/\" class=\"_self\" target=\"_self\" >T-220-01<\/a><\/h4>\n<div class=\"pt-cv-content\">\u00a0 \u00a0 Sentencia T-220\/01 \u00a0 DERECHO DE PETICION-Alcance\/DERECHO DE PETICION-Resoluci\u00f3n oportuna y de fondo \u00a0 DERECHO A LA SEGURIDAD SOCIAL DE PERSONA DE LA TERCERA EDAD \u00a0 ACCION DE TUTELA-Improcedencia contra derechos inciertos respecto de cuotas partes de pensi\u00f3n \u00a0 En lo relativo a ordenar el pago de las cuotas partes de la pensi\u00f3n a que asegura tener derecho el actor, y que deben ser asumidas por cada una de las entidades por \u00e9l demandadas, no se puede acceder toda vez que no existe un derecho cierto respecto del cual se pueda impartir una orden de tales caracter\u00edsticas, m\u00e1s a\u00fan ...<br \/><div class=\"pt-cv-rmwrap\"><a href=\"https:\/\/www.dmsjuridica.com\/buscador_20179478954\/corteconstitucionalcronologico202454587\/t-220-01\/\" class=\"_self pt-cv-readmore btn btn-success\" target=\"_self\">Ver Sentencia Completa...<\/a><\/div><\/div><\/div><\/div>\n<div class=\"col-md-12 col-sm-12 col-xs-12 pt-cv-content-item pt-cv-1-col\" ><div class='pt-cv-ifield'><a href=\"https:\/\/www.dmsjuridica.com\/buscador_20179478954\/corteconstitucionalcronologico202454587\/t-219-01\/\" class=\"_self pt-cv-href-thumbnail pt-cv-thumb-default\" target=\"_self\" ><\/a>\n<div class=\"pt-cv-taxoterm above_title\"><a href='https:\/\/www.dmsjuridica.com\/buscador_20179478954\/corteconstitucionalcronologico202454587\/category\/buscar-en-toda-la-corte\/2001\/tutelas-2001\/' title='Tutelas 2001' class='pt-cv-tax-tutelas-2001'>Tutelas 2001<\/a><\/div>\n<h4 class=\"pt-cv-title\"><a href=\"https:\/\/www.dmsjuridica.com\/buscador_20179478954\/corteconstitucionalcronologico202454587\/t-219-01\/\" class=\"_self\" target=\"_self\" >T-219-01<\/a><\/h4>\n<div class=\"pt-cv-content\">\u00a0 \u00a0 Sentencia T-219\/01 \u00a0 DERECHO DE PETICION-Alcance \u00a0 DERECHO DE PETICION ANTE ORGANIZACIONES PRIVADAS-Improcedencia cuando no act\u00faa como autoridad \u00a0 ENTIDAD FINANCIERA-Autonom\u00eda de la voluntad limitada \u00a0 ACTIVIDAD BANCARIA-Es un servicio p\u00fablico \u00a0 ACCION DE TUTELA CONTRA PARTICULARES-Prestaci\u00f3n de servicio p\u00fablico \u00a0 DERECHO DE PETICION-No comprende sentido de la decisi\u00f3n \u00a0 DERECHO DE PETICION-Se\u00f1alamiento de remisi\u00f3n a entidad competente si constituye respuesta de recibo\/DERECHO DE PETICION-La falta de competencia de la entidad ante quien se plantea no la exonera del deber de responder \u00a0 Referencia: expedientes T-347940 y Acumulados \u00a0 Accionantes:\u00a0 \u00a0 Miguel Angel Soler \u00a0 Saturia Gonz\u00e1lez \u00a0 ...<br \/><div class=\"pt-cv-rmwrap\"><a href=\"https:\/\/www.dmsjuridica.com\/buscador_20179478954\/corteconstitucionalcronologico202454587\/t-219-01\/\" class=\"_self pt-cv-readmore btn btn-success\" target=\"_self\">Ver Sentencia Completa...<\/a><\/div><\/div><\/div><\/div>\n<div class=\"col-md-12 col-sm-12 col-xs-12 pt-cv-content-item pt-cv-1-col\" ><div class='pt-cv-ifield'><a href=\"https:\/\/www.dmsjuridica.com\/buscador_20179478954\/corteconstitucionalcronologico202454587\/t-218-01\/\" class=\"_self pt-cv-href-thumbnail pt-cv-thumb-default\" target=\"_self\" ><\/a>\n<div class=\"pt-cv-taxoterm above_title\"><a href='https:\/\/www.dmsjuridica.com\/buscador_20179478954\/corteconstitucionalcronologico202454587\/category\/buscar-en-toda-la-corte\/2001\/tutelas-2001\/' title='Tutelas 2001' class='pt-cv-tax-tutelas-2001'>Tutelas 2001<\/a><\/div>\n<h4 class=\"pt-cv-title\"><a href=\"https:\/\/www.dmsjuridica.com\/buscador_20179478954\/corteconstitucionalcronologico202454587\/t-218-01\/\" class=\"_self\" target=\"_self\" >T-218-01<\/a><\/h4>\n<div class=\"pt-cv-content\">\u00a0 \u00a0 Sentencia T-218\/01 \u00a0 DERECHO DE PETICION-Alcance\/DERECHO DE PETICION-Resoluci\u00f3n oportuna y de fondo \u00a0 Referencia: expediente T-389339 \u00a0 Acci\u00f3n de tutela instaurada por Mar\u00eda del Carmen Balmaceda de Polo contra CAJANAL \u00a0 Magistrado Ponente: \u00a0 Dr. JOS\u00c9 GREGORIO HERN\u00c1NDEZ GALINDO \u00a0 Bogot\u00e1 D.C., veintid\u00f3s (22) de febrero de dos mil uno (2001). \u00a0 La Sala Quinta de Revisi\u00f3n de la Corte Constitucional, en ejercicio de sus competencias constitucionales y legales, ha proferido la siguiente \u00a0 SENTENCIA \u00a0 dentro del proceso de revisi\u00f3n del fallo proferido por el Juzgado Tercero Laboral del Circuito de Barranquilla, dentro del proceso de revisi\u00f3n ...<br \/><div class=\"pt-cv-rmwrap\"><a href=\"https:\/\/www.dmsjuridica.com\/buscador_20179478954\/corteconstitucionalcronologico202454587\/t-218-01\/\" class=\"_self pt-cv-readmore btn btn-success\" target=\"_self\">Ver Sentencia Completa...<\/a><\/div><\/div><\/div><\/div>\n<div class=\"col-md-12 col-sm-12 col-xs-12 pt-cv-content-item pt-cv-1-col\" ><div class='pt-cv-ifield'><a href=\"https:\/\/www.dmsjuridica.com\/buscador_20179478954\/corteconstitucionalcronologico202454587\/t-217-01\/\" class=\"_self pt-cv-href-thumbnail pt-cv-thumb-default\" target=\"_self\" ><\/a>\n<div class=\"pt-cv-taxoterm above_title\"><a href='https:\/\/www.dmsjuridica.com\/buscador_20179478954\/corteconstitucionalcronologico202454587\/category\/buscar-en-toda-la-corte\/2001\/tutelas-2001\/' title='Tutelas 2001' class='pt-cv-tax-tutelas-2001'>Tutelas 2001<\/a><\/div>\n<h4 class=\"pt-cv-title\"><a href=\"https:\/\/www.dmsjuridica.com\/buscador_20179478954\/corteconstitucionalcronologico202454587\/t-217-01\/\" class=\"_self\" target=\"_self\" >T-217-01<\/a><\/h4>\n<div class=\"pt-cv-content\">\u00a0 \u00a0 Sentencia T-217\/01 \u00a0 ACCION DE TUTELA-Inmediatez\/ACCION DE TUTELA-Tr\u00e1mite oportuno y \u00e1gil \u00a0 JUEZ DE TUTELA-Necesidad de informaci\u00f3n suficiente sobre los hechos \u00a0 MEDIO DE DEFENSA JUDICIAL EFICAZ-Improcedencia de tutela \u00a0 Referencia: expediente T-377977\u00a0 \u00a0 Acci\u00f3n de tutela incoada por Ruth Cecilia Garc\u00eda de Barrera contra la Procuradur\u00eda General de la Naci\u00f3n \u00a0 Magistrado Ponente: \u00a0 Dr. JOS\u00c9 GREGORIO HERN\u00c1NDEZ GALINDO \u00a0 Bogot\u00e1, D.C., veintid\u00f3s (22) \u00a0de febrero dos mil uno (2001). \u00a0 La Sala Quinta de Revisi\u00f3n de la Corte Constitucional, en ejercicio de sus competencias constitucionales y legales, espec\u00edficamente las previstas en los art\u00edculos 86 y \u00a0241, ...<br \/><div class=\"pt-cv-rmwrap\"><a href=\"https:\/\/www.dmsjuridica.com\/buscador_20179478954\/corteconstitucionalcronologico202454587\/t-217-01\/\" class=\"_self pt-cv-readmore btn btn-success\" target=\"_self\">Ver Sentencia Completa...<\/a><\/div><\/div><\/div><\/div>\n<div class=\"col-md-12 col-sm-12 col-xs-12 pt-cv-content-item pt-cv-1-col\" ><div class='pt-cv-ifield'><a href=\"https:\/\/www.dmsjuridica.com\/buscador_20179478954\/corteconstitucionalcronologico202454587\/t-216-01\/\" class=\"_self pt-cv-href-thumbnail pt-cv-thumb-default\" target=\"_self\" ><\/a>\n<div class=\"pt-cv-taxoterm above_title\"><a href='https:\/\/www.dmsjuridica.com\/buscador_20179478954\/corteconstitucionalcronologico202454587\/category\/buscar-en-toda-la-corte\/2001\/tutelas-2001\/' title='Tutelas 2001' class='pt-cv-tax-tutelas-2001'>Tutelas 2001<\/a><\/div>\n<h4 class=\"pt-cv-title\"><a href=\"https:\/\/www.dmsjuridica.com\/buscador_20179478954\/corteconstitucionalcronologico202454587\/t-216-01\/\" class=\"_self\" target=\"_self\" >T-216-01<\/a><\/h4>\n<div class=\"pt-cv-content\">\u00a0 \u00a0 Sentencia T-216\/01 \u00a0 ESTABLECIMIENTO HOSPITALARIO-Situaci\u00f3n econ\u00f3mica o presupuestal no es \u00f3bice para desconocer obligaciones laborales\/HOSPITAL LORENCITA VILLEGAS DE SANTOS-Pago de acreencias laborales \u00a0 ACCION DE TUTELA-Procedencia respecto de trabajadores del hospital Lorencita Villegas de Santos \u00a0 Referencia: expedientes T-354461, T-374777, T-364181 y T-364529 \u00a0 Acciones de tutela incoadas por Lucila Ortiz Blanco y otros contra la Junta Directiva de la Fundaci\u00f3n Hospital Lorencita Villegas de Santos, en Liquidaci\u00f3n, la Alcald\u00eda Mayor de Bogot\u00e1, la Secretar\u00eda Distrital de Salud, la Superintendencia Nacional de Salud y el Ministerio de Salud \u00a0 Magistrado Ponente: \u00a0 Dr. JOS\u00c9 GREGORIO HERN\u00c1NDEZ GALINDO \u00a0 ...<br \/><div class=\"pt-cv-rmwrap\"><a href=\"https:\/\/www.dmsjuridica.com\/buscador_20179478954\/corteconstitucionalcronologico202454587\/t-216-01\/\" class=\"_self pt-cv-readmore btn btn-success\" target=\"_self\">Ver Sentencia Completa...<\/a><\/div><\/div><\/div><\/div>\n<div class=\"col-md-12 col-sm-12 col-xs-12 pt-cv-content-item pt-cv-1-col\" ><div class='pt-cv-ifield'><a href=\"https:\/\/www.dmsjuridica.com\/buscador_20179478954\/corteconstitucionalcronologico202454587\/t-215-01\/\" class=\"_self pt-cv-href-thumbnail pt-cv-thumb-default\" target=\"_self\" ><\/a>\n<div class=\"pt-cv-taxoterm above_title\"><a href='https:\/\/www.dmsjuridica.com\/buscador_20179478954\/corteconstitucionalcronologico202454587\/category\/buscar-en-toda-la-corte\/2001\/tutelas-2001\/' title='Tutelas 2001' class='pt-cv-tax-tutelas-2001'>Tutelas 2001<\/a><\/div>\n<h4 class=\"pt-cv-title\"><a href=\"https:\/\/www.dmsjuridica.com\/buscador_20179478954\/corteconstitucionalcronologico202454587\/t-215-01\/\" class=\"_self\" target=\"_self\" >T-215-01<\/a><\/h4>\n<div class=\"pt-cv-content\">\u00a0 \u00a0 Sentencia T-215\/01 \u00a0 VIA DE HECHO-Juez de segunda instancia se bas\u00f3 en supuesta similitud de casos cuando en realidad eran distintos \u00a0 DERECHO AL MINIMO VITAL DEL PENSIONADO-Pago oportuno de mesadas \u00a0 JUEZ CONSTITUCIONAL-Desatenci\u00f3n a las \u00f3rdenes emitidas \u00a0 Referencia: expediente T-382.309 \u00a0 Acci\u00f3n de tutela contra el Distrito Industrial y Portuario de Barranquilla y la Secretar\u00eda de Hacienda Distrital de esa ciudad por una presunta violaci\u00f3n de los derechos a la igualdad y al sustento m\u00ednimo vital. \u00a0 Tema: \u00a0 Procedencia excepcional de la tutela para el cobro de obligaciones de origen laboral. \u00a0 Desatenci\u00f3n a las ...<br \/><div class=\"pt-cv-rmwrap\"><a href=\"https:\/\/www.dmsjuridica.com\/buscador_20179478954\/corteconstitucionalcronologico202454587\/t-215-01\/\" class=\"_self pt-cv-readmore btn btn-success\" target=\"_self\">Ver Sentencia Completa...<\/a><\/div><\/div><\/div><\/div>\n<div class=\"col-md-12 col-sm-12 col-xs-12 pt-cv-content-item pt-cv-1-col\" ><div class='pt-cv-ifield'><a href=\"https:\/\/www.dmsjuridica.com\/buscador_20179478954\/corteconstitucionalcronologico202454587\/t-214-01\/\" class=\"_self pt-cv-href-thumbnail pt-cv-thumb-default\" target=\"_self\" ><\/a>\n<div class=\"pt-cv-taxoterm above_title\"><a href='https:\/\/www.dmsjuridica.com\/buscador_20179478954\/corteconstitucionalcronologico202454587\/category\/buscar-en-toda-la-corte\/2001\/tutelas-2001\/' title='Tutelas 2001' class='pt-cv-tax-tutelas-2001'>Tutelas 2001<\/a><\/div>\n<h4 class=\"pt-cv-title\"><a href=\"https:\/\/www.dmsjuridica.com\/buscador_20179478954\/corteconstitucionalcronologico202454587\/t-214-01\/\" class=\"_self\" target=\"_self\" >T-214-01<\/a><\/h4>\n<div class=\"pt-cv-content\">\u00a0 \u00a0 Sentencia T-214\/01 \u00a0 DERECHO A LA IGUALDAD-Inexistencia de vulneraci\u00f3n o amenaza \u00a0 DERECHO DE PETICION EN VIA GUBERNATIVA-Resoluci\u00f3n de recursos\/DERECHO DE PETICION EN VIA GUBERNATIVA-Protecci\u00f3n ante silencio administrativo \u00a0 DEBIDO PROCESO ADMINISTRATIVO-Vulneraci\u00f3n en la aprobaci\u00f3n de licencia de construcci\u00f3n \u00a0 Referencia: expediente T-382.248 \u00a0 Acci\u00f3n de tutela contra la Secretar\u00eda de Planeaci\u00f3n Municipal de Entrerr\u00edos (Ant.) por una presunta violaci\u00f3n de los derechos de petici\u00f3n, igualdad y debido proceso. \u00a0 Tema: \u00a0 Derecho de petici\u00f3n. \u00a0 Debido proceso en la actuaci\u00f3n administrativa. \u00a0 Actora: Amanda P\u00e9rez de Lopera\u00a0 \u00a0 Magistrado Ponente:\u00a0 \u00a0 Dr. CARLOS GAVIRIA D\u00cdAZ \u00a0 Bogot\u00e1 ...<br \/><div class=\"pt-cv-rmwrap\"><a href=\"https:\/\/www.dmsjuridica.com\/buscador_20179478954\/corteconstitucionalcronologico202454587\/t-214-01\/\" class=\"_self pt-cv-readmore btn btn-success\" target=\"_self\">Ver Sentencia Completa...<\/a><\/div><\/div><\/div><\/div>\n<div class=\"col-md-12 col-sm-12 col-xs-12 pt-cv-content-item pt-cv-1-col\" ><div class='pt-cv-ifield'><a href=\"https:\/\/www.dmsjuridica.com\/buscador_20179478954\/corteconstitucionalcronologico202454587\/t-213-01\/\" class=\"_self pt-cv-href-thumbnail pt-cv-thumb-default\" target=\"_self\" ><\/a>\n<div class=\"pt-cv-taxoterm above_title\"><a href='https:\/\/www.dmsjuridica.com\/buscador_20179478954\/corteconstitucionalcronologico202454587\/category\/buscar-en-toda-la-corte\/2001\/tutelas-2001\/' title='Tutelas 2001' class='pt-cv-tax-tutelas-2001'>Tutelas 2001<\/a><\/div>\n<h4 class=\"pt-cv-title\"><a href=\"https:\/\/www.dmsjuridica.com\/buscador_20179478954\/corteconstitucionalcronologico202454587\/t-213-01\/\" class=\"_self\" target=\"_self\" >T-213-01<\/a><\/h4>\n<div class=\"pt-cv-content\">\u00a0 \u00a0 Sentencia T-213\/01 \u00a0 ACCION DE TUTELA CONTRA PARTICULARES-Indefensi\u00f3n\/ENTIDAD PRIVADA-Retenci\u00f3n de certificados y documentos \u00a0 La Corte ha interpretado la condici\u00f3n de indefensi\u00f3n como una que se genera, no ya por la naturaleza jer\u00e1rquica de la relaci\u00f3n de las partes, sino por condiciones reales, objetivas, f\u00e1cticas de la interacci\u00f3n de las personas, que determinan que una de ellas, por acci\u00f3n de la otra, carezca de la posibilidad de ejercer su defensa o sus derechos efectivamente, pues sus esfuerzos resultan inocuos ante las actuaciones del particular. Un caso t\u00edpico de esta situaci\u00f3n es el que se estudia: la entidad privada ...<br \/><div class=\"pt-cv-rmwrap\"><a href=\"https:\/\/www.dmsjuridica.com\/buscador_20179478954\/corteconstitucionalcronologico202454587\/t-213-01\/\" class=\"_self pt-cv-readmore btn btn-success\" target=\"_self\">Ver Sentencia Completa...<\/a><\/div><\/div><\/div><\/div>\n<div class=\"col-md-12 col-sm-12 col-xs-12 pt-cv-content-item pt-cv-1-col\" ><div class='pt-cv-ifield'><a href=\"https:\/\/www.dmsjuridica.com\/buscador_20179478954\/corteconstitucionalcronologico202454587\/t-212-01\/\" class=\"_self pt-cv-href-thumbnail pt-cv-thumb-default\" target=\"_self\" ><\/a>\n<div class=\"pt-cv-taxoterm above_title\"><a href='https:\/\/www.dmsjuridica.com\/buscador_20179478954\/corteconstitucionalcronologico202454587\/category\/buscar-en-toda-la-corte\/2001\/tutelas-2001\/' title='Tutelas 2001' class='pt-cv-tax-tutelas-2001'>Tutelas 2001<\/a><\/div>\n<h4 class=\"pt-cv-title\"><a href=\"https:\/\/www.dmsjuridica.com\/buscador_20179478954\/corteconstitucionalcronologico202454587\/t-212-01\/\" class=\"_self\" target=\"_self\" >T-212-01<\/a><\/h4>\n<div class=\"pt-cv-content\">\u00a0 \u00a0 Sentencia T-212\/01 \u00a0 EXTINCION DE DOMINIO-Definici\u00f3n \u00a0 PRESUNCION DE INOCENCIA EN PROCESO DE EXTINCION DE DOMINIO\/TERCERO DE BUENA FE EN PROCESO DE EXTINCION DE DOMINIO \u00a0 DEBIDO PROCESO-Vulneraci\u00f3n por continuaci\u00f3n proceso de extinci\u00f3n de dominio una vez precluido proceso penal \u00a0 ACCION DE EXTINCION DE DOMINIO-Autonom\u00eda \u00a0 MEDIO DE DEFENSA JUDICIAL INEFICAZ-Procedencia de tutela \u00a0 Referencia: expediente T-377.047 \u00a0 Acci\u00f3n de tutela contra la Fiscal\u00eda General de la Naci\u00f3n -Unidad Especializada para la Extinci\u00f3n del Dominio y contra el Lavado de Activos-, por una presunta violaci\u00f3n de los derechos al debido proceso, al libre acceso a la administraci\u00f3n ...<br \/><div class=\"pt-cv-rmwrap\"><a href=\"https:\/\/www.dmsjuridica.com\/buscador_20179478954\/corteconstitucionalcronologico202454587\/t-212-01\/\" class=\"_self pt-cv-readmore btn btn-success\" target=\"_self\">Ver Sentencia Completa...<\/a><\/div><\/div><\/div><\/div>\n<div class=\"col-md-12 col-sm-12 col-xs-12 pt-cv-content-item pt-cv-1-col\" ><div class='pt-cv-ifield'><a href=\"https:\/\/www.dmsjuridica.com\/buscador_20179478954\/corteconstitucionalcronologico202454587\/t-211-01\/\" class=\"_self pt-cv-href-thumbnail pt-cv-thumb-default\" target=\"_self\" ><\/a>\n<div class=\"pt-cv-taxoterm above_title\"><a href='https:\/\/www.dmsjuridica.com\/buscador_20179478954\/corteconstitucionalcronologico202454587\/category\/buscar-en-toda-la-corte\/2001\/tutelas-2001\/' title='Tutelas 2001' class='pt-cv-tax-tutelas-2001'>Tutelas 2001<\/a><\/div>\n<h4 class=\"pt-cv-title\"><a href=\"https:\/\/www.dmsjuridica.com\/buscador_20179478954\/corteconstitucionalcronologico202454587\/t-211-01\/\" class=\"_self\" target=\"_self\" >T-211-01<\/a><\/h4>\n<div class=\"pt-cv-content\">\u00a0 \u00a0 Sentencia T-211\/01 \u00a0 ACCION DE TUTELA-Naturaleza \u00a0 JUEZ CONSTITUCIONAL-Improcedencia para sustituir a las autoridades en las competencias asignadas por la Constituci\u00f3n Pol\u00edtica \u00a0 GOBIERNO NACIONAL-Formulaci\u00f3n anual del presupuesto y ley de apropiaciones\/JUEZ DE TUTELA-Imposibilidad de modificar presupuesto para incremento salarial de servidores p\u00fablicos \u00a0 ACCION DE TUTELA TRANSITORIA-Improcedencia incremento salarial para servidores p\u00fablicos \u00a0 Referencia: expedientes T-409833 y \u00a0 \u00a0 \u00a0 \u00a0 \u00a0 \u00a0 otros.\u00a0 \u00a0 Acci\u00f3n de tutela de Omar Alberto Henao Hern\u00e1ndez y otros \u00a0 Magistrado Ponente:\u00a0 \u00a0 Dr. ALFREDO BELTR\u00c1N SIERRA \u00a0 Bogot\u00e1, D.C., \u00a0 febrero veintid\u00f3s (22) de dos mil uno (2001).\u00a0 \u00a0 La ...<br \/><div class=\"pt-cv-rmwrap\"><a href=\"https:\/\/www.dmsjuridica.com\/buscador_20179478954\/corteconstitucionalcronologico202454587\/t-211-01\/\" class=\"_self pt-cv-readmore btn btn-success\" target=\"_self\">Ver Sentencia Completa...<\/a><\/div><\/div><\/div><\/div>\n<div class=\"col-md-12 col-sm-12 col-xs-12 pt-cv-content-item pt-cv-1-col\" ><div class='pt-cv-ifield'><a href=\"https:\/\/www.dmsjuridica.com\/buscador_20179478954\/corteconstitucionalcronologico202454587\/t-210-01\/\" class=\"_self pt-cv-href-thumbnail pt-cv-thumb-default\" target=\"_self\" ><\/a>\n<div class=\"pt-cv-taxoterm above_title\"><a href='https:\/\/www.dmsjuridica.com\/buscador_20179478954\/corteconstitucionalcronologico202454587\/category\/buscar-en-toda-la-corte\/2001\/tutelas-2001\/' title='Tutelas 2001' class='pt-cv-tax-tutelas-2001'>Tutelas 2001<\/a><\/div>\n<h4 class=\"pt-cv-title\"><a href=\"https:\/\/www.dmsjuridica.com\/buscador_20179478954\/corteconstitucionalcronologico202454587\/t-210-01\/\" class=\"_self\" target=\"_self\" >T-210-01<\/a><\/h4>\n<div class=\"pt-cv-content\">\u00a0 \u00a0 Sentencia T-210\/01 \u00a0 ACCION DE TUTELA-Carencia actual de objeto\/BONOS PENSIONALES-Liquidaci\u00f3n provisional \u00a0 Referencia: expediente T-409739 \u00a0 Peticionario: Arturo Ramos Bedoya \u00a0 Magistrado Ponente:\u00a0 \u00a0 Dr. ALFREDO BELTR\u00c1N SIERRA. \u00a0 Bogot\u00e1, D.C., febrero veintid\u00f3s (22) de dos mil uno (2001). \u00a0 La Sala Segunda de Revisi\u00f3n de la Corte Constitucional, integrada por los magistrados, Alfredo Beltr\u00e1n Sierra, Manuel Jos\u00e9 Cepeda Espinosa y Carlos Gaviria D\u00edaz, en ejercicio de sus competencias constitucionales y legales, ha proferido la siguiente : \u00a0 SENTENCIA \u00a0 El expediente lleg\u00f3 a la Corte Constitucional, por remisi\u00f3n que se hizo en virtud de lo ordenado por ...<br \/><div class=\"pt-cv-rmwrap\"><a href=\"https:\/\/www.dmsjuridica.com\/buscador_20179478954\/corteconstitucionalcronologico202454587\/t-210-01\/\" class=\"_self pt-cv-readmore btn btn-success\" target=\"_self\">Ver Sentencia Completa...<\/a><\/div><\/div><\/div><\/div>\n<div class=\"col-md-12 col-sm-12 col-xs-12 pt-cv-content-item pt-cv-1-col\" ><div class='pt-cv-ifield'><a href=\"https:\/\/www.dmsjuridica.com\/buscador_20179478954\/corteconstitucionalcronologico202454587\/t-209-01\/\" class=\"_self pt-cv-href-thumbnail pt-cv-thumb-default\" target=\"_self\" ><\/a>\n<div class=\"pt-cv-taxoterm above_title\"><a href='https:\/\/www.dmsjuridica.com\/buscador_20179478954\/corteconstitucionalcronologico202454587\/category\/buscar-en-toda-la-corte\/2001\/tutelas-2001\/' title='Tutelas 2001' class='pt-cv-tax-tutelas-2001'>Tutelas 2001<\/a><\/div>\n<h4 class=\"pt-cv-title\"><a href=\"https:\/\/www.dmsjuridica.com\/buscador_20179478954\/corteconstitucionalcronologico202454587\/t-209-01\/\" class=\"_self\" target=\"_self\" >T-209-01<\/a><\/h4>\n<div class=\"pt-cv-content\">\u00a0 \u00a0 Sentencia T-209\/01 \u00a0 IUS VARIANDI-Alcance\/IUS VARIANDI-No es absoluto \u00a0 FISCALIA GENERAL DE LA NACION-Traslado de trabajador no afecta salud ni unidad familiar \u00a0 ACCION DE TUTELA-No es el mecanismo para cuestionar el ius variandi \u00a0 No puede afirmarse como regla general, que todo cambio en las condiciones laborales genere el desconocimiento de derechos fundamentales, pues en muchas ocasiones se contraponen intereses personales por realizar la labor encomendada en las capitales de los departamentos, hecho que de tenerse siempre en cuenta, har\u00eda que la poblaci\u00f3n rural o los sitios alejados de la capital, carezcan de administraci\u00f3n de justicia, docentes, ...<br \/><div class=\"pt-cv-rmwrap\"><a href=\"https:\/\/www.dmsjuridica.com\/buscador_20179478954\/corteconstitucionalcronologico202454587\/t-209-01\/\" class=\"_self pt-cv-readmore btn btn-success\" target=\"_self\">Ver Sentencia Completa...<\/a><\/div><\/div><\/div><\/div>\n<div class=\"col-md-12 col-sm-12 col-xs-12 pt-cv-content-item pt-cv-1-col\" ><div class='pt-cv-ifield'><a href=\"https:\/\/www.dmsjuridica.com\/buscador_20179478954\/corteconstitucionalcronologico202454587\/t-208-01\/\" class=\"_self pt-cv-href-thumbnail pt-cv-thumb-default\" target=\"_self\" ><\/a>\n<div class=\"pt-cv-taxoterm above_title\"><a href='https:\/\/www.dmsjuridica.com\/buscador_20179478954\/corteconstitucionalcronologico202454587\/category\/buscar-en-toda-la-corte\/2001\/tutelas-2001\/' title='Tutelas 2001' class='pt-cv-tax-tutelas-2001'>Tutelas 2001<\/a><\/div>\n<h4 class=\"pt-cv-title\"><a href=\"https:\/\/www.dmsjuridica.com\/buscador_20179478954\/corteconstitucionalcronologico202454587\/t-208-01\/\" class=\"_self\" target=\"_self\" >T-208-01<\/a><\/h4>\n<div class=\"pt-cv-content\">\u00a0 \u00a0 Sentencia T-208\/01 \u00a0 AGENCIA OFICIOSA EN TUTELA-Legitimidad e inter\u00e9s \u00a0 ESTABLECIMIENTO HOSPITALARIO-No puede retener a paciente por estar pendiente cuenta de cobro \u00a0 ACCION DE TUTELA-Improcedencia por falta de pruebas\/MEDIO DE DEFENSA JUDICIAL-Controversia sobre responsabilidad econ\u00f3mica en costos hospitalarios \u00a0 Referencia: expediente 404.605 \u00a0 Acci\u00f3n de tutela instaurada por Martha Luz D\u00b4Le\u00f3n Naar, agente oficiosa de Natalia In\u00e9s Naar Benedetti, contra la Cl\u00ednica Nuestra Se\u00f1ora de los Remedios de Cali, Cosmitet Ltda. y Cajanal, Seccional Valle. \u00a0 Magistrado Ponente :\u00a0 \u00a0 Dr. ALFREDO BELTR\u00c1N SIERRA. \u00a0 Bogot\u00e1, D.C., veintid\u00f3s (22) de febrero del a\u00f1o dos mil uno (2001) ...<br \/><div class=\"pt-cv-rmwrap\"><a href=\"https:\/\/www.dmsjuridica.com\/buscador_20179478954\/corteconstitucionalcronologico202454587\/t-208-01\/\" class=\"_self pt-cv-readmore btn btn-success\" target=\"_self\">Ver Sentencia Completa...<\/a><\/div><\/div><\/div><\/div>\n<div class=\"col-md-12 col-sm-12 col-xs-12 pt-cv-content-item pt-cv-1-col\" ><div class='pt-cv-ifield'><a href=\"https:\/\/www.dmsjuridica.com\/buscador_20179478954\/corteconstitucionalcronologico202454587\/t-207-01\/\" class=\"_self pt-cv-href-thumbnail pt-cv-thumb-default\" target=\"_self\" ><\/a>\n<div class=\"pt-cv-taxoterm above_title\"><a href='https:\/\/www.dmsjuridica.com\/buscador_20179478954\/corteconstitucionalcronologico202454587\/category\/buscar-en-toda-la-corte\/2001\/tutelas-2001\/' title='Tutelas 2001' class='pt-cv-tax-tutelas-2001'>Tutelas 2001<\/a><\/div>\n<h4 class=\"pt-cv-title\"><a href=\"https:\/\/www.dmsjuridica.com\/buscador_20179478954\/corteconstitucionalcronologico202454587\/t-207-01\/\" class=\"_self\" target=\"_self\" >T-207-01<\/a><\/h4>\n<div class=\"pt-cv-content\">\u00a0 \u00a0 Sentencia T-207\/01 \u00a0 ACCION DE TUTELA-Procedencia excepcional pago de acreencias laborales\/DERECHO AL MINIMO VITAL DEL TRABAJADOR-Pago oportuno de salarios \u00a0 Reiteraci\u00f3n de Jurisprudencia \u00a0 Referencia: expedientes T-372828 y T-373118 \u00a0 Acciones de tutela instauradas por Policarpa Cecilia S\u00e1nchez P\u00e9rez y Mariela Isabel Cahuana Boneth contra el Hospital de Sitionuevo (Magdalena). \u00a0 Dr. RODRIGO ESCOBAR GIL \u00a0 Bogot\u00e1 D.C., a los veintid\u00f3s (22) d\u00edas del mes de febrero de dos mil uno (2001). \u00a0 La Sala Octava de Revisi\u00f3n de la Corte Constitucional, integrada por los Magistrados ALVARO TAFUR GALVIS, EDUARDO MONTEALEGRE LYNETT y RODRIGO ESCOBAR GIL, en ejercicio ...<br \/><div class=\"pt-cv-rmwrap\"><a href=\"https:\/\/www.dmsjuridica.com\/buscador_20179478954\/corteconstitucionalcronologico202454587\/t-207-01\/\" class=\"_self pt-cv-readmore btn btn-success\" target=\"_self\">Ver Sentencia Completa...<\/a><\/div><\/div><\/div><\/div>\n<div class=\"col-md-12 col-sm-12 col-xs-12 pt-cv-content-item pt-cv-1-col\" ><div class='pt-cv-ifield'><a href=\"https:\/\/www.dmsjuridica.com\/buscador_20179478954\/corteconstitucionalcronologico202454587\/t-206-01\/\" class=\"_self pt-cv-href-thumbnail pt-cv-thumb-default\" target=\"_self\" ><\/a>\n<div class=\"pt-cv-taxoterm above_title\"><a href='https:\/\/www.dmsjuridica.com\/buscador_20179478954\/corteconstitucionalcronologico202454587\/category\/buscar-en-toda-la-corte\/2001\/tutelas-2001\/' title='Tutelas 2001' class='pt-cv-tax-tutelas-2001'>Tutelas 2001<\/a><\/div>\n<h4 class=\"pt-cv-title\"><a href=\"https:\/\/www.dmsjuridica.com\/buscador_20179478954\/corteconstitucionalcronologico202454587\/t-206-01\/\" class=\"_self\" target=\"_self\" >T-206-01<\/a><\/h4>\n<div class=\"pt-cv-content\">\u00a0 \u00a0 Sentencia T-206\/01 \u00a0 ACCION DE TUTELA-Procedencia excepcional pago de acreencias laborales\/DERECHO AL MINIMO VITAL DEL PENSIONADO-Pago oportuno de mesadas \u00a0 Referencia: expedientes T-372.608\u00a0 \u00a0 Acci\u00f3n de tutela instaurada por Carlos Julio Rodr\u00edguez Buitrago contra la Universidad del Valle. \u00a0 Magistrado ponente: \u00a0 Dr. EDUARDO MONTEALEGRE LYNETT \u00a0 Bogot\u00e1, D.C., veintiuno (21) de febrero de dos mil uno (2001). \u00a0 La Sala Primera de Revisi\u00f3n de la Corte Constitucional, integrada por los Magistrados Alfredo Beltr\u00e1n Sierra, Manuel Jos\u00e9 Cepeda Espinosa y Eduardo Montealegre Lynett, en ejercicio de sus competencias constitucionales y legales, ha proferido la siguiente \u00a0 SENTENCIA \u00a0 ...<br \/><div class=\"pt-cv-rmwrap\"><a href=\"https:\/\/www.dmsjuridica.com\/buscador_20179478954\/corteconstitucionalcronologico202454587\/t-206-01\/\" class=\"_self pt-cv-readmore btn btn-success\" target=\"_self\">Ver Sentencia Completa...<\/a><\/div><\/div><\/div><\/div>\n<div class=\"col-md-12 col-sm-12 col-xs-12 pt-cv-content-item pt-cv-1-col\" ><div class='pt-cv-ifield'><a href=\"https:\/\/www.dmsjuridica.com\/buscador_20179478954\/corteconstitucionalcronologico202454587\/t-195-01\/\" class=\"_self pt-cv-href-thumbnail pt-cv-thumb-default\" target=\"_self\" ><\/a>\n<div class=\"pt-cv-taxoterm above_title\"><a href='https:\/\/www.dmsjuridica.com\/buscador_20179478954\/corteconstitucionalcronologico202454587\/category\/buscar-en-toda-la-corte\/2001\/tutelas-2001\/' title='Tutelas 2001' class='pt-cv-tax-tutelas-2001'>Tutelas 2001<\/a><\/div>\n<h4 class=\"pt-cv-title\"><a href=\"https:\/\/www.dmsjuridica.com\/buscador_20179478954\/corteconstitucionalcronologico202454587\/t-195-01\/\" class=\"_self\" target=\"_self\" >T-195-01<\/a><\/h4>\n<div class=\"pt-cv-content\">\u00a0 \u00a0 Sentencia T-195\/01 \u00a0 ACCION DE TUTELA-Procedencia excepcional pago de mesadas pensionales\/DERECHO AL MINIMO VITAL DEL PENSIONADO-Pago oportuno de mesadas \u00a0 EMPLEADOR-Situaci\u00f3n econ\u00f3mica o presupuestal no es \u00f3bice para desconocer pago de mesadas pensionales \u00a0 Referencia: expediente T-395630 \u00a0 Acci\u00f3n de tutela incoada por Jes\u00fas Villa y otros contra el Alcalde Municipal de Fredonia \u00a0 Magistrado Ponente: \u00a0 Dr. JOS\u00c9 GREGORIO HERN\u00c1NDEZ GALINDO \u00a0 Bogot\u00e1, D.C., veinte (20) de febrero de dos mil uno (2001). \u00a0 La Sala Quinta de Revisi\u00f3n de la Corte Constitucional, en ejercicio de sus competencias constitucionales y legales, espec\u00edficamente las previstas en los art\u00edculos ...<br \/><div class=\"pt-cv-rmwrap\"><a href=\"https:\/\/www.dmsjuridica.com\/buscador_20179478954\/corteconstitucionalcronologico202454587\/t-195-01\/\" class=\"_self pt-cv-readmore btn btn-success\" target=\"_self\">Ver Sentencia Completa...<\/a><\/div><\/div><\/div><\/div>\n<div class=\"col-md-12 col-sm-12 col-xs-12 pt-cv-content-item pt-cv-1-col\" ><div class='pt-cv-ifield'><a href=\"https:\/\/www.dmsjuridica.com\/buscador_20179478954\/corteconstitucionalcronologico202454587\/t-194-01\/\" class=\"_self pt-cv-href-thumbnail pt-cv-thumb-default\" target=\"_self\" ><\/a>\n<div class=\"pt-cv-taxoterm above_title\"><a href='https:\/\/www.dmsjuridica.com\/buscador_20179478954\/corteconstitucionalcronologico202454587\/category\/buscar-en-toda-la-corte\/2001\/tutelas-2001\/' title='Tutelas 2001' class='pt-cv-tax-tutelas-2001'>Tutelas 2001<\/a><\/div>\n<h4 class=\"pt-cv-title\"><a href=\"https:\/\/www.dmsjuridica.com\/buscador_20179478954\/corteconstitucionalcronologico202454587\/t-194-01\/\" class=\"_self\" target=\"_self\" >T-194-01<\/a><\/h4>\n<div class=\"pt-cv-content\">\u00a0 \u00a0 Sentencia T-194\/01 \u00a0 LICENCIA DE MATERNIDAD-Pago oportuno\/ACCION DE TUTELA-Hecho consumado \u00a0 Referencia: expediente T-385424 \u00a0 Acci\u00f3n de tutela incoada por Sandra Isabel Mu\u00f1oz contra SALUDCOOP, Seccional Medell\u00edn \u00a0 Magistrado Ponente: \u00a0 Dr. JOS\u00c9 GREGORIO HERN\u00c1NDEZ GALINDO \u00a0 Bogot\u00e1, D.C., veinte (20) de febrero de dos mil uno (2001). \u00a0 La Sala Quinta de Revisi\u00f3n de la Corte Constitucional, en ejercicio de sus competencias constitucionales y legales, espec\u00edficamente las previstas en los art\u00edculos 86 y \u00a0241, numeral 9, de la Constituci\u00f3n Pol\u00edtica y en el Decreto 2591 de 1991, ha proferido la siguiente \u00a0 SENTENCIA \u00a0 dentro del proceso ...<br \/><div class=\"pt-cv-rmwrap\"><a href=\"https:\/\/www.dmsjuridica.com\/buscador_20179478954\/corteconstitucionalcronologico202454587\/t-194-01\/\" class=\"_self pt-cv-readmore btn btn-success\" target=\"_self\">Ver Sentencia Completa...<\/a><\/div><\/div><\/div><\/div>\n<div class=\"col-md-12 col-sm-12 col-xs-12 pt-cv-content-item pt-cv-1-col\" ><div class='pt-cv-ifield'><a href=\"https:\/\/www.dmsjuridica.com\/buscador_20179478954\/corteconstitucionalcronologico202454587\/t-193-01\/\" class=\"_self pt-cv-href-thumbnail pt-cv-thumb-default\" target=\"_self\" ><\/a>\n<div class=\"pt-cv-taxoterm above_title\"><a href='https:\/\/www.dmsjuridica.com\/buscador_20179478954\/corteconstitucionalcronologico202454587\/category\/buscar-en-toda-la-corte\/2001\/tutelas-2001\/' title='Tutelas 2001' class='pt-cv-tax-tutelas-2001'>Tutelas 2001<\/a><\/div>\n<h4 class=\"pt-cv-title\"><a href=\"https:\/\/www.dmsjuridica.com\/buscador_20179478954\/corteconstitucionalcronologico202454587\/t-193-01\/\" class=\"_self\" target=\"_self\" >T-193-01<\/a><\/h4>\n<div class=\"pt-cv-content\">\u00a0 \u00a0 Sentencia T-193\/01 \u00a0 DERECHO DE PETICION-Resoluci\u00f3n oportuna y de fondo \u00a0 DERECHO DE PETICION-No constituye \u00a0respuesta estado del tr\u00e1mite de solicitud \u00a0 Referencia: expediente T-382662 \u00a0 Acci\u00f3n de tutela incoada por Carmen Leticia Riasco Calle contra el Seguro Social, Seccional Valle del Cauca \u00a0 Magistrado Ponente: \u00a0 Bogot\u00e1, D.C., veinte (20) de febrero de dos mil uno (2001). \u00a0 La Sala Quinta de Revisi\u00f3n de la Corte Constitucional, en ejercicio de sus competencias constitucionales y legales, espec\u00edficamente las previstas en los art\u00edculos 86 y 241, numeral 9, de la Constituci\u00f3n Pol\u00edtica y en el Decreto 2591 de 1991, ...<br \/><div class=\"pt-cv-rmwrap\"><a href=\"https:\/\/www.dmsjuridica.com\/buscador_20179478954\/corteconstitucionalcronologico202454587\/t-193-01\/\" class=\"_self pt-cv-readmore btn btn-success\" target=\"_self\">Ver Sentencia Completa...<\/a><\/div><\/div><\/div><\/div>\n<div class=\"col-md-12 col-sm-12 col-xs-12 pt-cv-content-item pt-cv-1-col\" ><div class='pt-cv-ifield'><a href=\"https:\/\/www.dmsjuridica.com\/buscador_20179478954\/corteconstitucionalcronologico202454587\/t-192-01\/\" class=\"_self pt-cv-href-thumbnail pt-cv-thumb-default\" target=\"_self\" ><\/a>\n<div class=\"pt-cv-taxoterm above_title\"><a href='https:\/\/www.dmsjuridica.com\/buscador_20179478954\/corteconstitucionalcronologico202454587\/category\/buscar-en-toda-la-corte\/2001\/tutelas-2001\/' title='Tutelas 2001' class='pt-cv-tax-tutelas-2001'>Tutelas 2001<\/a><\/div>\n<h4 class=\"pt-cv-title\"><a href=\"https:\/\/www.dmsjuridica.com\/buscador_20179478954\/corteconstitucionalcronologico202454587\/t-192-01\/\" class=\"_self\" target=\"_self\" >T-192-01<\/a><\/h4>\n<div class=\"pt-cv-content\">\u00a0 \u00a0 Sentencia T-192\/01 \u00a0 ACCION DE TUTELA-No tiene por objeto impedir el normal funcionamiento de la administraci\u00f3n de justicia \u00a0 No se remite a duda que esta acci\u00f3n es mal utilizada cuando se la orienta hacia prop\u00f3sitos distintos, en particular si con su uso se pretende, en vez de alcanzar la defensa de los derechos b\u00e1sicos, el mantenimiento de situaciones \u2013leg\u00edtimas o no- que est\u00e1n sujetas a la normatividad legal y respecto de las cuales han sido previstos mecanismos y procesos ordinarios. La acci\u00f3n de tutela no puede ser utilizada para obstruir la normal actividad de los jueces. Escapa ...<br \/><div class=\"pt-cv-rmwrap\"><a href=\"https:\/\/www.dmsjuridica.com\/buscador_20179478954\/corteconstitucionalcronologico202454587\/t-192-01\/\" class=\"_self pt-cv-readmore btn btn-success\" target=\"_self\">Ver Sentencia Completa...<\/a><\/div><\/div><\/div><\/div>\n<div class=\"col-md-12 col-sm-12 col-xs-12 pt-cv-content-item pt-cv-1-col\" ><div class='pt-cv-ifield'><a href=\"https:\/\/www.dmsjuridica.com\/buscador_20179478954\/corteconstitucionalcronologico202454587\/t-191-01\/\" class=\"_self pt-cv-href-thumbnail pt-cv-thumb-default\" target=\"_self\" ><\/a>\n<div class=\"pt-cv-taxoterm above_title\"><a href='https:\/\/www.dmsjuridica.com\/buscador_20179478954\/corteconstitucionalcronologico202454587\/category\/buscar-en-toda-la-corte\/2001\/tutelas-2001\/' title='Tutelas 2001' class='pt-cv-tax-tutelas-2001'>Tutelas 2001<\/a><\/div>\n<h4 class=\"pt-cv-title\"><a href=\"https:\/\/www.dmsjuridica.com\/buscador_20179478954\/corteconstitucionalcronologico202454587\/t-191-01\/\" class=\"_self\" target=\"_self\" >T-191-01<\/a><\/h4>\n<div class=\"pt-cv-content\">\u00a0 \u00a0 Sentencia T-191\/01 \u00a0 DERECHO AL TRABAJO EN CONDICIONES DIGNAS Y JUSTAS-Pago oportuno \u00a0de salarios\/DERECHO AL MINIMO VITAL DEL TRABAJADOR-Pago oportuno de salarios \u00a0 DERECHO AL PAGO OPORTUNO DEL SALARIO-Fundamental \u00a0 MEDIO DE DEFENSA JUDICIAL INEFICAZ-Procedencia de tutela \u00a0 Referencia: expediente T-376638 \u00a0 Acci\u00f3n de tutela incoada por Casimiro Guerrero de Avila contra el Distrito de Cartagena. \u00a0 Magistrado Ponente: \u00a0 Dr. JOS\u00c9 GREGORIO HERN\u00c1NDEZ GALINDO \u00a0 Bogot\u00e1, D.C., veinte (20) de febrero de dos mil uno (2001). \u00a0 La Sala Quinta de Revisi\u00f3n de la Corte Constitucional, en ejercicio de sus atribuciones constitucionales y legales, espec\u00edficamente las previstas ...<br \/><div class=\"pt-cv-rmwrap\"><a href=\"https:\/\/www.dmsjuridica.com\/buscador_20179478954\/corteconstitucionalcronologico202454587\/t-191-01\/\" class=\"_self pt-cv-readmore btn btn-success\" target=\"_self\">Ver Sentencia Completa...<\/a><\/div><\/div><\/div><\/div>\n<div class=\"col-md-12 col-sm-12 col-xs-12 pt-cv-content-item pt-cv-1-col\" ><div class='pt-cv-ifield'><a href=\"https:\/\/www.dmsjuridica.com\/buscador_20179478954\/corteconstitucionalcronologico202454587\/t-190-01\/\" class=\"_self pt-cv-href-thumbnail pt-cv-thumb-default\" target=\"_self\" ><\/a>\n<div class=\"pt-cv-taxoterm above_title\"><a href='https:\/\/www.dmsjuridica.com\/buscador_20179478954\/corteconstitucionalcronologico202454587\/category\/buscar-en-toda-la-corte\/2001\/tutelas-2001\/' title='Tutelas 2001' class='pt-cv-tax-tutelas-2001'>Tutelas 2001<\/a><\/div>\n<h4 class=\"pt-cv-title\"><a href=\"https:\/\/www.dmsjuridica.com\/buscador_20179478954\/corteconstitucionalcronologico202454587\/t-190-01\/\" class=\"_self\" target=\"_self\" >T-190-01<\/a><\/h4>\n<div class=\"pt-cv-content\">\u00a0 \u00a0 Sentencia T-190\/01 \u00a0 SISBEN-Regulaci\u00f3n ineficiente para detectar a las personas pobres\/SISBEN-Regulaci\u00f3n ineficiente y contraria al orden p\u00fablico de la salud \u00a0 SISBEN-Actualizaci\u00f3n e inclusi\u00f3n de datos \u00a0 Referencia: expediente T-374359 \u00a0 Acci\u00f3n de tutela incoada por Alba Nury Yotagri contra \"Metrosalud\" \u00a0 Magistrado Ponente: \u00a0 Dr. JOS\u00c9 GREGORIO HERN\u00c1NDEZ GALINDO\u00a0 \u00a0 Bogot\u00e1, D.C., veinte (20) de febrero de dos mil uno (2001). \u00a0 La Sala Quinta de Revisi\u00f3n de la Corte Constitucional, en ejercicio de sus competencias constitucionales y legales, espec\u00edficamente las previstas en los art\u00edculos 86 y \u00a0241, numeral 9, de la Constituci\u00f3n Pol\u00edtica y en el ...<br \/><div class=\"pt-cv-rmwrap\"><a href=\"https:\/\/www.dmsjuridica.com\/buscador_20179478954\/corteconstitucionalcronologico202454587\/t-190-01\/\" class=\"_self pt-cv-readmore btn btn-success\" target=\"_self\">Ver Sentencia Completa...<\/a><\/div><\/div><\/div><\/div>\n<div class=\"col-md-12 col-sm-12 col-xs-12 pt-cv-content-item pt-cv-1-col\" ><div class='pt-cv-ifield'><a href=\"https:\/\/www.dmsjuridica.com\/buscador_20179478954\/corteconstitucionalcronologico202454587\/t-189-01\/\" class=\"_self pt-cv-href-thumbnail pt-cv-thumb-default\" target=\"_self\" ><\/a>\n<div class=\"pt-cv-taxoterm above_title\"><a href='https:\/\/www.dmsjuridica.com\/buscador_20179478954\/corteconstitucionalcronologico202454587\/category\/buscar-en-toda-la-corte\/2001\/tutelas-2001\/' title='Tutelas 2001' class='pt-cv-tax-tutelas-2001'>Tutelas 2001<\/a><\/div>\n<h4 class=\"pt-cv-title\"><a href=\"https:\/\/www.dmsjuridica.com\/buscador_20179478954\/corteconstitucionalcronologico202454587\/t-189-01\/\" class=\"_self\" target=\"_self\" >T-189-01<\/a><\/h4>\n<div class=\"pt-cv-content\">\u00a0 \u00a0 Sentencia T-189\/01 \u00a0 PENSION DE JUBILACION-Liquidaci\u00f3n sobre asignaci\u00f3n mensual m\u00e1s elevada, devengada durante el \u00faltimo a\u00f1o de servicios\/ACCION DE TUTELA TRANSITORIA-Reliquidaci\u00f3n mesada pensional a exmagistrado de tribunal \u00a0 Referencia: expediente T-381.025. \u00a0 Acci\u00f3n de tutela instaurada por Oscar Londo\u00f1o Pineda contra La Caja Nacional de Previsi\u00f3n Social.\u00a0 \u00a0 Magistrado Ponente:\u00a0 \u00a0 Dr. ALVARO TAFUR GALVIS \u00a0 En desarrollo de sus atribuciones constitucionales y legales, la Sala Novena de Revisi\u00f3n de la Corte Constitucional ha proferido la siguiente \u00a0 SENTENCIA \u00a0 en el proceso de revisi\u00f3n de los fallos dictados por el Juez Treinta y Dos Civil del Circuito ...<br \/><div class=\"pt-cv-rmwrap\"><a href=\"https:\/\/www.dmsjuridica.com\/buscador_20179478954\/corteconstitucionalcronologico202454587\/t-189-01\/\" class=\"_self pt-cv-readmore btn btn-success\" target=\"_self\">Ver Sentencia Completa...<\/a><\/div><\/div><\/div><\/div>\n<div class=\"col-md-12 col-sm-12 col-xs-12 pt-cv-content-item pt-cv-1-col\" ><div class='pt-cv-ifield'><a href=\"https:\/\/www.dmsjuridica.com\/buscador_20179478954\/corteconstitucionalcronologico202454587\/t-188-01\/\" class=\"_self pt-cv-href-thumbnail pt-cv-thumb-default\" target=\"_self\" ><\/a>\n<div class=\"pt-cv-taxoterm above_title\"><a href='https:\/\/www.dmsjuridica.com\/buscador_20179478954\/corteconstitucionalcronologico202454587\/category\/buscar-en-toda-la-corte\/2001\/tutelas-2001\/' title='Tutelas 2001' class='pt-cv-tax-tutelas-2001'>Tutelas 2001<\/a><\/div>\n<h4 class=\"pt-cv-title\"><a href=\"https:\/\/www.dmsjuridica.com\/buscador_20179478954\/corteconstitucionalcronologico202454587\/t-188-01\/\" class=\"_self\" target=\"_self\" >T-188-01<\/a><\/h4>\n<div class=\"pt-cv-content\">DEBIDO PROCESO ADMINISTRATIVO-Alcance \u00a0 DEBIDO PROCESO ADMINISTRATIVO-Debida notificaci\u00f3n al tutelante \u00a0 DERECHOS DEL NI\u00d1O A TENER UNA FAMILIA Y NO SER SEPARADO DE ELLA-Alcance \u00a0 DERECHO A LA FAMILIA -Menores abandonados \u00a0 Si bien el derecho a la familia es fundamental y debe ser protegido por el Estado, su tutela no puede ser incoada para impedir la actuaci\u00f3n de las autoridades dirigida a proteger a los menores de las situaci\u00f3n de abandono o violencia a la que se vean sometidos por la actuaci\u00f3n de sus propios parientes. En efecto, el abandono es una situaci\u00f3n que se produce justamente por la ...<br \/><div class=\"pt-cv-rmwrap\"><a href=\"https:\/\/www.dmsjuridica.com\/buscador_20179478954\/corteconstitucionalcronologico202454587\/t-188-01\/\" class=\"_self pt-cv-readmore btn btn-success\" target=\"_self\">Ver Sentencia Completa...<\/a><\/div><\/div><\/div><\/div>\n<div class=\"col-md-12 col-sm-12 col-xs-12 pt-cv-content-item pt-cv-1-col\" ><div class='pt-cv-ifield'><a href=\"https:\/\/www.dmsjuridica.com\/buscador_20179478954\/corteconstitucionalcronologico202454587\/t-187-01\/\" class=\"_self pt-cv-href-thumbnail pt-cv-thumb-default\" target=\"_self\" ><\/a>\n<div class=\"pt-cv-taxoterm above_title\"><a href='https:\/\/www.dmsjuridica.com\/buscador_20179478954\/corteconstitucionalcronologico202454587\/category\/buscar-en-toda-la-corte\/2001\/tutelas-2001\/' title='Tutelas 2001' class='pt-cv-tax-tutelas-2001'>Tutelas 2001<\/a><\/div>\n<h4 class=\"pt-cv-title\"><a href=\"https:\/\/www.dmsjuridica.com\/buscador_20179478954\/corteconstitucionalcronologico202454587\/t-187-01\/\" class=\"_self\" target=\"_self\" >T-187-01<\/a><\/h4>\n<div class=\"pt-cv-content\">\u00a0 \u00a0 Sentencia T-187\/01 \u00a0 ACCION DE TUTELA-Hecho superado por pago de acreencias laborales \u00a0 Referencia: expedientes T-302362, 302367, 302372, 302431, 302441, 304603, 304650 y 306706 \u00a0 Acciones de tutela instauradas por Paulina C\u00e1ceres Herrera y otros contra el Distrito de Santa Marta. \u00a0 Magistrado Ponente: \u00a0 Dr. ALEJANDRO MARTINEZ CABALLERO \u00a0 Bogot\u00e1, D.C., a los diecis\u00e9is (16) d\u00edas del mes de febrero del a\u00f1o dos mil uno (2001). \u00a0\u00a0 \u00a0 La Sala Sexta de Revisi\u00f3n de Tutelas de la Corte Constitucional, en ejercicio de sus competencias constitucionales y legales, ha proferido la siguiente \u00a0 SENTENCIA \u00a0 dentro del proceso ...<br \/><div class=\"pt-cv-rmwrap\"><a href=\"https:\/\/www.dmsjuridica.com\/buscador_20179478954\/corteconstitucionalcronologico202454587\/t-187-01\/\" class=\"_self pt-cv-readmore btn btn-success\" target=\"_self\">Ver Sentencia Completa...<\/a><\/div><\/div><\/div><\/div>\n<div class=\"col-md-12 col-sm-12 col-xs-12 pt-cv-content-item pt-cv-1-col\" ><div class='pt-cv-ifield'><a href=\"https:\/\/www.dmsjuridica.com\/buscador_20179478954\/corteconstitucionalcronologico202454587\/t-186-01\/\" class=\"_self pt-cv-href-thumbnail pt-cv-thumb-default\" target=\"_self\" ><\/a>\n<div class=\"pt-cv-taxoterm above_title\"><a href='https:\/\/www.dmsjuridica.com\/buscador_20179478954\/corteconstitucionalcronologico202454587\/category\/buscar-en-toda-la-corte\/2001\/tutelas-2001\/' title='Tutelas 2001' class='pt-cv-tax-tutelas-2001'>Tutelas 2001<\/a><\/div>\n<h4 class=\"pt-cv-title\"><a href=\"https:\/\/www.dmsjuridica.com\/buscador_20179478954\/corteconstitucionalcronologico202454587\/t-186-01\/\" class=\"_self\" target=\"_self\" >T-186-01<\/a><\/h4>\n<div class=\"pt-cv-content\">\u00a0 \u00a0 Sentencia T-186\/01 \u00a0 DERECHO A LA SALUD-Fundamental por conexidad con la vida\/DERECHO A LA VIDA DIGNA-Atenci\u00f3n m\u00e9dica por EPS \u00a0 Referencia: expediente T-407865 \u00a0 Peticionario: Martha Luc\u00eda Hincapi\u00e9 Romero \u00a0 Magistrado Ponente:\u00a0 \u00a0 Dr. ALFREDO BELTR\u00c1N SIERRA. \u00a0 La Sala Segunda de Revisi\u00f3n de la Corte Constitucional, integrada por los magistrados, Alfredo Beltr\u00e1n Sierra, Manuel Jos\u00e9 Cepeda Espinosa y Carlos Gaviria D\u00edaz, en ejercicio de sus competencias constitucionales y legales, ha proferido la siguiente : \u00a0 SENTENCIA \u00a0 El expediente lleg\u00f3 a la Corte Constitucional, por remisi\u00f3n que se hizo en virtud de lo ordenado por el art\u00edculo ...<br \/><div class=\"pt-cv-rmwrap\"><a href=\"https:\/\/www.dmsjuridica.com\/buscador_20179478954\/corteconstitucionalcronologico202454587\/t-186-01\/\" class=\"_self pt-cv-readmore btn btn-success\" target=\"_self\">Ver Sentencia Completa...<\/a><\/div><\/div><\/div><\/div>\n<div class=\"col-md-12 col-sm-12 col-xs-12 pt-cv-content-item pt-cv-1-col\" ><div class='pt-cv-ifield'><a href=\"https:\/\/www.dmsjuridica.com\/buscador_20179478954\/corteconstitucionalcronologico202454587\/t-185-01\/\" class=\"_self pt-cv-href-thumbnail pt-cv-thumb-default\" target=\"_self\" ><\/a>\n<div class=\"pt-cv-taxoterm above_title\"><a href='https:\/\/www.dmsjuridica.com\/buscador_20179478954\/corteconstitucionalcronologico202454587\/category\/buscar-en-toda-la-corte\/2001\/tutelas-2001\/' title='Tutelas 2001' class='pt-cv-tax-tutelas-2001'>Tutelas 2001<\/a><\/div>\n<h4 class=\"pt-cv-title\"><a href=\"https:\/\/www.dmsjuridica.com\/buscador_20179478954\/corteconstitucionalcronologico202454587\/t-185-01\/\" class=\"_self\" target=\"_self\" >T-185-01<\/a><\/h4>\n<div class=\"pt-cv-content\">\u00a0 \u00a0 Sentencia T-185\/01 \u00a0 PRESTACION DE CALZADO \u00a0Y VESTIDO DE LABOR-Prohibici\u00f3n de compensaci\u00f3n \u00a0 ACCION DE TUTELA-Improcedencia para reclamar prestaciones legales\/MEDIO DE DEFENSA JUDICIAL-Dotaci\u00f3n calzado y vestido de labor \u00a0 Referencia: expediente T-405.522 \u00a0 Acci\u00f3n de tutela de Mar\u00eda Ascensi\u00f3n Conde de Cely en contra del Departamento de Boyac\u00e1.\u00a0 \u00a0 Magistrado Ponente:\u00a0 \u00a0 Dr. ALFREDO BELTR\u00c1N SIERRA. \u00a0 Sentencia aprobada en Bogot\u00e1, en sesi\u00f3n del quince (15) de febrero de dos mil uno (2001). \u00a0 La Sala Segunda (2a.) de Revisi\u00f3n de la Corte Constitucional, integrada por los magistrados, Alfredo Beltr\u00e1n Sierra, Manuel Jos\u00e9 Cepeda y Carlos Gaviria D\u00edaz, ...<br \/><div class=\"pt-cv-rmwrap\"><a href=\"https:\/\/www.dmsjuridica.com\/buscador_20179478954\/corteconstitucionalcronologico202454587\/t-185-01\/\" class=\"_self pt-cv-readmore btn btn-success\" target=\"_self\">Ver Sentencia Completa...<\/a><\/div><\/div><\/div><\/div>\n<div class=\"col-md-12 col-sm-12 col-xs-12 pt-cv-content-item pt-cv-1-col\" ><div class='pt-cv-ifield'><a href=\"https:\/\/www.dmsjuridica.com\/buscador_20179478954\/corteconstitucionalcronologico202454587\/t-184-01\/\" class=\"_self pt-cv-href-thumbnail pt-cv-thumb-default\" target=\"_self\" ><\/a>\n<div class=\"pt-cv-taxoterm above_title\"><a href='https:\/\/www.dmsjuridica.com\/buscador_20179478954\/corteconstitucionalcronologico202454587\/category\/buscar-en-toda-la-corte\/2001\/tutelas-2001\/' title='Tutelas 2001' class='pt-cv-tax-tutelas-2001'>Tutelas 2001<\/a><\/div>\n<h4 class=\"pt-cv-title\"><a href=\"https:\/\/www.dmsjuridica.com\/buscador_20179478954\/corteconstitucionalcronologico202454587\/t-184-01\/\" class=\"_self\" target=\"_self\" >T-184-01<\/a><\/h4>\n<div class=\"pt-cv-content\">\u00a0 \u00a0 Sentencia T-184\/01 \u00a0 ACCION DE TUTELA-Procedencia excepcional pago de mesadas pensionales\/DERECHO AL MINIMO VITAL DEL PENSIONADO-Pago oportuno de mesadas \u00a0 EMPLEADOR-Situaci\u00f3n econ\u00f3mica o presupuestal no es \u00f3bice para desconocer pago de mesadas pensionales \u00a0 \u00a0Referencia: expediente T-405311 \u00a0 Peticionario: Auristella C\u00f3rdoba M\u00e9ndez \u00a0 Magistrado Ponente:\u00a0 \u00a0 Dr. ALFREDO BELTR\u00c1N SIERRA. \u00a0 Bogot\u00e1, D.C., febrero quince (15) de dos mil uno (2001). \u00a0 La Sala Segunda de Revisi\u00f3n de la Corte Constitucional, integrada por los magistrados, Alfredo Beltr\u00e1n Sierra, Manuel Jos\u00e9 Cepeda Espinosa y Carlos Gaviria D\u00edaz, en ejercicio de sus competencias constitucionales y legales, ha proferido la siguiente ...<br \/><div class=\"pt-cv-rmwrap\"><a href=\"https:\/\/www.dmsjuridica.com\/buscador_20179478954\/corteconstitucionalcronologico202454587\/t-184-01\/\" class=\"_self pt-cv-readmore btn btn-success\" target=\"_self\">Ver Sentencia Completa...<\/a><\/div><\/div><\/div><\/div>\n<div class=\"col-md-12 col-sm-12 col-xs-12 pt-cv-content-item pt-cv-1-col\" ><div class='pt-cv-ifield'><a href=\"https:\/\/www.dmsjuridica.com\/buscador_20179478954\/corteconstitucionalcronologico202454587\/t-183-01\/\" class=\"_self pt-cv-href-thumbnail pt-cv-thumb-default\" target=\"_self\" ><\/a>\n<div class=\"pt-cv-taxoterm above_title\"><a href='https:\/\/www.dmsjuridica.com\/buscador_20179478954\/corteconstitucionalcronologico202454587\/category\/buscar-en-toda-la-corte\/2001\/tutelas-2001\/' title='Tutelas 2001' class='pt-cv-tax-tutelas-2001'>Tutelas 2001<\/a><\/div>\n<h4 class=\"pt-cv-title\"><a href=\"https:\/\/www.dmsjuridica.com\/buscador_20179478954\/corteconstitucionalcronologico202454587\/t-183-01\/\" class=\"_self\" target=\"_self\" >T-183-01<\/a><\/h4>\n<div class=\"pt-cv-content\">\u00a0 \u00a0 Sentencia T-183\/01 \u00a0 DERECHO A LA PERSONALIDAD JURIDICA-Alcance\/DERECHO A LA PERSONALIDAD JURIDICA-Filiaci\u00f3n \u00a0 PRESUNCION DE EXISTENCIA DE LAS PERSONAS-Finalidad \u00a0 PROCESO DE FILIACION-Prueba antropoheredobiol\u00f3gica \u00a0 DEBIDO PROCESO-Vulneraci\u00f3n por no definici\u00f3n del estado civil en un periodo razonable de tiempo\/DERECHOS FUNDAMENTALES-Vulneraci\u00f3n por no definici\u00f3n del estado civil en un periodo razonable de tiempo \u00a0 La Corte considera que en los tres casos existe vulneraci\u00f3n de derechos fundamentales, no s\u00f3lo al debido proceso, sino que por las razones expuestas en los puntos anteriores, est\u00e1 de por medio la definici\u00f3n de los derechos de filiaci\u00f3n de los menores involucrados en estos ...<br \/><div class=\"pt-cv-rmwrap\"><a href=\"https:\/\/www.dmsjuridica.com\/buscador_20179478954\/corteconstitucionalcronologico202454587\/t-183-01\/\" class=\"_self pt-cv-readmore btn btn-success\" target=\"_self\">Ver Sentencia Completa...<\/a><\/div><\/div><\/div><\/div>\n<div class=\"col-md-12 col-sm-12 col-xs-12 pt-cv-content-item pt-cv-1-col\" ><div class='pt-cv-ifield'><a href=\"https:\/\/www.dmsjuridica.com\/buscador_20179478954\/corteconstitucionalcronologico202454587\/t-182-01\/\" class=\"_self pt-cv-href-thumbnail pt-cv-thumb-default\" target=\"_self\" ><\/a>\n<div class=\"pt-cv-taxoterm above_title\"><a href='https:\/\/www.dmsjuridica.com\/buscador_20179478954\/corteconstitucionalcronologico202454587\/category\/buscar-en-toda-la-corte\/2001\/tutelas-2001\/' title='Tutelas 2001' class='pt-cv-tax-tutelas-2001'>Tutelas 2001<\/a><\/div>\n<h4 class=\"pt-cv-title\"><a href=\"https:\/\/www.dmsjuridica.com\/buscador_20179478954\/corteconstitucionalcronologico202454587\/t-182-01\/\" class=\"_self\" target=\"_self\" >T-182-01<\/a><\/h4>\n<div class=\"pt-cv-content\">\u00a0 \u00a0 Sentencia T-182\/01 \u00a0 DEBIDO PROCESO-Alcance \u00a0 DEBIDO PROCESO ADMINISTRATIVO-Aplicaci\u00f3n en procedimientos internos de entes universitarios aut\u00f3nomos \u00a0 AUTONOMIA UNIVERSITARIA-No es absoluta\/AUTONOMIA UNIVERSITARIA-L\u00edmites \u00a0 AUTONOMIA UNIVERSITARIA-Contenido \u00a0 ACCION DE TUTELA CONTRA ACTO DE TRAMITE-Procedencia excepcional\/JUEZ DE TUTELA-Deberes \u00a0 A juicio de esta Corte, aunque en principio no procede la tutela contra los actos de tr\u00e1mite o preparatorios, que simplemente se limitan a ordenar que se adelante una actuaci\u00f3n administrativa dispuesta por la ley, de manera oficiosa por la administraci\u00f3n, en ejercicio del derecho de petici\u00f3n de un particular o cuando \u00e9ste act\u00faa en cumplimiento de un deber legal (art ...<br \/><div class=\"pt-cv-rmwrap\"><a href=\"https:\/\/www.dmsjuridica.com\/buscador_20179478954\/corteconstitucionalcronologico202454587\/t-182-01\/\" class=\"_self pt-cv-readmore btn btn-success\" target=\"_self\">Ver Sentencia Completa...<\/a><\/div><\/div><\/div><\/div>\n<div class=\"col-md-12 col-sm-12 col-xs-12 pt-cv-content-item pt-cv-1-col\" ><div class='pt-cv-ifield'><a href=\"https:\/\/www.dmsjuridica.com\/buscador_20179478954\/corteconstitucionalcronologico202454587\/t-181-01\/\" class=\"_self pt-cv-href-thumbnail pt-cv-thumb-default\" target=\"_self\" ><\/a>\n<div class=\"pt-cv-taxoterm above_title\"><a href='https:\/\/www.dmsjuridica.com\/buscador_20179478954\/corteconstitucionalcronologico202454587\/category\/buscar-en-toda-la-corte\/2001\/tutelas-2001\/' title='Tutelas 2001' class='pt-cv-tax-tutelas-2001'>Tutelas 2001<\/a><\/div>\n<h4 class=\"pt-cv-title\"><a href=\"https:\/\/www.dmsjuridica.com\/buscador_20179478954\/corteconstitucionalcronologico202454587\/t-181-01\/\" class=\"_self\" target=\"_self\" >T-181-01<\/a><\/h4>\n<div class=\"pt-cv-content\">\u00a0 \u00a0 Sentencia T-181\/01 \u00a0 ACCION DE TUTELA-Procedencia excepcional pago de mesadas pensionales\/DERECHO AL MINIMO VITAL DEL PENSIONADO-Pago oportuno de mesadas \u00a0 DERECHO AL MINIMO VITAL-Alcance \u00a0 Referencia: expediente T-378640 \u00a0 Accionante: Teresa Ballesteros vda. de Hern\u00e1ndez\u00a0 \u00a0 Procedencia: Juzgado Tercero Penal Municipal de Tunja.\u00a0 \u00a0 Magistrado Ponente: \u00a0 Dr. ALEJANDRO MARTINEZ CABALLERO \u00a0 Bogot\u00e1, D.C., quince (15) de Febrero de dos mil uno (2001).\u00a0 \u00a0 La Sala Sexta de Revisi\u00f3n de la Corte Constitucional, integrada por los Magistrados doctores Rodrigo Escobar Gil, Fabio Mor\u00f3n D\u00edaz y Alejandro Mart\u00ednez Caballero, quien la preside, en ejercicio de sus competencias constitucionales y ...<br \/><div class=\"pt-cv-rmwrap\"><a href=\"https:\/\/www.dmsjuridica.com\/buscador_20179478954\/corteconstitucionalcronologico202454587\/t-181-01\/\" class=\"_self pt-cv-readmore btn btn-success\" target=\"_self\">Ver Sentencia Completa...<\/a><\/div><\/div><\/div><\/div>\n<div class=\"col-md-12 col-sm-12 col-xs-12 pt-cv-content-item pt-cv-1-col\" ><div class='pt-cv-ifield'><a href=\"https:\/\/www.dmsjuridica.com\/buscador_20179478954\/corteconstitucionalcronologico202454587\/t-180-01\/\" class=\"_self pt-cv-href-thumbnail pt-cv-thumb-default\" target=\"_self\" ><\/a>\n<div class=\"pt-cv-taxoterm above_title\"><a href='https:\/\/www.dmsjuridica.com\/buscador_20179478954\/corteconstitucionalcronologico202454587\/category\/buscar-en-toda-la-corte\/2001\/tutelas-2001\/' title='Tutelas 2001' class='pt-cv-tax-tutelas-2001'>Tutelas 2001<\/a><\/div>\n<h4 class=\"pt-cv-title\"><a href=\"https:\/\/www.dmsjuridica.com\/buscador_20179478954\/corteconstitucionalcronologico202454587\/t-180-01\/\" class=\"_self\" target=\"_self\" >T-180-01<\/a><\/h4>\n<div class=\"pt-cv-content\">DERECHO DE PETICION-Resoluci\u00f3n oportuna y de fondo\/DERECHO DE PETICION-No conlleva respuesta favorable a la solicitud \u00a0 DERECHO DE PETICION-Se\u00f1alamiento de remisi\u00f3n a entidad competente si constituye respuesta de recibo \u00a0 Si al recibir un derecho de petici\u00f3n, la entidad se percata de su falta de competencia, es su deber comunic\u00e1rselo al peticionario dentro del t\u00e9rmino legal previsto y remitir la solicitud al funcionario competente. De esa manera se da una respuesta v\u00e1lida al derecho de petici\u00f3n. Sin embargo, la responsabilidad de dar una respuesta de fondo no desaparece. Es la entidad a la cual se le remiti\u00f3 la petici\u00f3n la ...<br \/><div class=\"pt-cv-rmwrap\"><a href=\"https:\/\/www.dmsjuridica.com\/buscador_20179478954\/corteconstitucionalcronologico202454587\/t-180-01\/\" class=\"_self pt-cv-readmore btn btn-success\" target=\"_self\">Ver Sentencia Completa...<\/a><\/div><\/div><\/div><\/div>\n<div class=\"col-md-12 col-sm-12 col-xs-12 pt-cv-content-item pt-cv-1-col\" ><div class='pt-cv-ifield'><a href=\"https:\/\/www.dmsjuridica.com\/buscador_20179478954\/corteconstitucionalcronologico202454587\/t-179-01\/\" class=\"_self pt-cv-href-thumbnail pt-cv-thumb-default\" target=\"_self\" ><\/a>\n<div class=\"pt-cv-taxoterm above_title\"><a href='https:\/\/www.dmsjuridica.com\/buscador_20179478954\/corteconstitucionalcronologico202454587\/category\/buscar-en-toda-la-corte\/2001\/tutelas-2001\/' title='Tutelas 2001' class='pt-cv-tax-tutelas-2001'>Tutelas 2001<\/a><\/div>\n<h4 class=\"pt-cv-title\"><a href=\"https:\/\/www.dmsjuridica.com\/buscador_20179478954\/corteconstitucionalcronologico202454587\/t-179-01\/\" class=\"_self\" target=\"_self\" >T-179-01<\/a><\/h4>\n<div class=\"pt-cv-content\">\u00a0 \u00a0 Sentencia T-179\/01 \u00a0 ACCION DE TUTELA-Naturaleza \u00a0 GOBIERNO NACIONAL-Formulaci\u00f3n anual del presupuesto y ley de apropiaciones\/JUEZ DE TUTELA-Imposibilidad de modificar presupuesto para incremento salarial de servidores p\u00fablicos \u00a0 ACCION DE TUTELA TRANSITORIA-Improcedencia incremento salarial para servidores p\u00fablicos \u00a0 DERECHO DE DEFENSA-Necesidad de fecha cierta en las sentencias \u00a0 Referencia: expedientes \u00a0 acumulados \u00a0T-361601, \u00a0T-361913, T-362082, \u00a0T-362177, \u00a0T-362178, T-362180, T-362181, T-362183, \u00a0T-362186, \u00a0T-362224, T-362225, T-362226, T-362227, \u00a0T-362228, \u00a0T-362356, T-362631, T-362657, T-362688, \u00a0T-362708, \u00a0T-362720, T-362729, T-362732, T-362735, \u00a0T-362736, \u00a0T-362750, T-362867, T-363152, T-363250, \u00a0T-363265, \u00a0T-363266, T-363267, T-363357, T-363554, \u00a0T-363791, \u00a0T-363869, T-363942, T-363952, T-363953, \u00a0T-363954, \u00a0T-364266, T-364303, T-364620, T-389437, \u00a0T-389438, \u00a0T-389439, T-389440, ...<br \/><div class=\"pt-cv-rmwrap\"><a href=\"https:\/\/www.dmsjuridica.com\/buscador_20179478954\/corteconstitucionalcronologico202454587\/t-179-01\/\" class=\"_self pt-cv-readmore btn btn-success\" target=\"_self\">Ver Sentencia Completa...<\/a><\/div><\/div><\/div><\/div>\n<div class=\"col-md-12 col-sm-12 col-xs-12 pt-cv-content-item pt-cv-1-col\" ><div class='pt-cv-ifield'><a href=\"https:\/\/www.dmsjuridica.com\/buscador_20179478954\/corteconstitucionalcronologico202454587\/t-178-01\/\" class=\"_self pt-cv-href-thumbnail pt-cv-thumb-default\" target=\"_self\" ><\/a>\n<div class=\"pt-cv-taxoterm above_title\"><a href='https:\/\/www.dmsjuridica.com\/buscador_20179478954\/corteconstitucionalcronologico202454587\/category\/buscar-en-toda-la-corte\/2001\/tutelas-2001\/' title='Tutelas 2001' class='pt-cv-tax-tutelas-2001'>Tutelas 2001<\/a><\/div>\n<h4 class=\"pt-cv-title\"><a href=\"https:\/\/www.dmsjuridica.com\/buscador_20179478954\/corteconstitucionalcronologico202454587\/t-178-01\/\" class=\"_self\" target=\"_self\" >T-178-01<\/a><\/h4>\n<div class=\"pt-cv-content\">\u00a0 \u00a0 Sentencia T-178\/01 \u00a0 ACCION DE TUTELA-Procedencia excepcional pago de acreencias laborales\/DERECHO AL MINIMO VITAL DEL TRABAJADOR-Presunci\u00f3n de afectaci\u00f3n por ausencia prolongada en pago de salarios \u00a0 ACCION DE TUTELA-Improcedencia por no afectaci\u00f3n del m\u00ednimo vital \u00a0 \u00a0 \u00a0 Referencia: expediente T-372948 \u00a0 Acci\u00f3n de tutela incoada por Doris Luc\u00eda Acevedo Campuzano y Luz Estella Lopera Montoya contra el Gobernador de Antioquia. \u00a0 Magistrado Ponente: \u00a0 Dr. JOS\u00c9 GREGORIO HERN\u00c1NDEZ GALINDO\u00a0 \u00a0 Bogot\u00e1, D.C., catorce (14) de febrero de dos mil uno (2001). \u00a0 La Sala Quinta de Revisi\u00f3n de la Corte Constitucional, en ejercicio de sus competencias constitucionales ...<br \/><div class=\"pt-cv-rmwrap\"><a href=\"https:\/\/www.dmsjuridica.com\/buscador_20179478954\/corteconstitucionalcronologico202454587\/t-178-01\/\" class=\"_self pt-cv-readmore btn btn-success\" target=\"_self\">Ver Sentencia Completa...<\/a><\/div><\/div><\/div><\/div>\n<div class=\"col-md-12 col-sm-12 col-xs-12 pt-cv-content-item pt-cv-1-col\" ><div class='pt-cv-ifield'><a href=\"https:\/\/www.dmsjuridica.com\/buscador_20179478954\/corteconstitucionalcronologico202454587\/t-167-01\/\" class=\"_self pt-cv-href-thumbnail pt-cv-thumb-default\" target=\"_self\" ><\/a>\n<div class=\"pt-cv-taxoterm above_title\"><a href='https:\/\/www.dmsjuridica.com\/buscador_20179478954\/corteconstitucionalcronologico202454587\/category\/buscar-en-toda-la-corte\/2001\/tutelas-2001\/' title='Tutelas 2001' class='pt-cv-tax-tutelas-2001'>Tutelas 2001<\/a><\/div>\n<h4 class=\"pt-cv-title\"><a href=\"https:\/\/www.dmsjuridica.com\/buscador_20179478954\/corteconstitucionalcronologico202454587\/t-167-01\/\" class=\"_self\" target=\"_self\" >T-167-01<\/a><\/h4>\n<div class=\"pt-cv-content\">\u00a0 \u00a0 Sentencia T-167\/01 \u00a0 CONCURSO DE MERITOS-Elaboraci\u00f3n lista de elegibles \u00a0 SENTENCIA DE CONSTITUCIONALIDAD-Efectos futuros \u00a0 Referencia: expediente T-376482 \u00a0 Magistrado Ponente: \u00a0 Dr. JOS\u00c9 GREGORIO HERN\u00c1NDEZ GALINDO \u00a0 Bogot\u00e1, D.C., doce (12) de febrero de dos mil uno (2001). \u00a0 La Sala Quinta de Revisi\u00f3n de la Corte Constitucional, en ejercicio de sus competencias constitucionales y legales, espec\u00edficamente las previstas en los art\u00edculos 86 y \u00a0241, numeral 9, de la Constituci\u00f3n Pol\u00edtica y en el Decreto 2591 de 1991, ha proferido la siguiente \u00a0 SENTENCIA \u00a0 dentro del proceso de revisi\u00f3n de los fallos dictados en el asunto ...<br \/><div class=\"pt-cv-rmwrap\"><a href=\"https:\/\/www.dmsjuridica.com\/buscador_20179478954\/corteconstitucionalcronologico202454587\/t-167-01\/\" class=\"_self pt-cv-readmore btn btn-success\" target=\"_self\">Ver Sentencia Completa...<\/a><\/div><\/div><\/div><\/div>\n<div class=\"col-md-12 col-sm-12 col-xs-12 pt-cv-content-item pt-cv-1-col\" ><div class='pt-cv-ifield'><a href=\"https:\/\/www.dmsjuridica.com\/buscador_20179478954\/corteconstitucionalcronologico202454587\/t-166-01\/\" class=\"_self pt-cv-href-thumbnail pt-cv-thumb-default\" target=\"_self\" ><\/a>\n<div class=\"pt-cv-taxoterm above_title\"><a href='https:\/\/www.dmsjuridica.com\/buscador_20179478954\/corteconstitucionalcronologico202454587\/category\/buscar-en-toda-la-corte\/2001\/tutelas-2001\/' title='Tutelas 2001' class='pt-cv-tax-tutelas-2001'>Tutelas 2001<\/a><\/div>\n<h4 class=\"pt-cv-title\"><a href=\"https:\/\/www.dmsjuridica.com\/buscador_20179478954\/corteconstitucionalcronologico202454587\/t-166-01\/\" class=\"_self\" target=\"_self\" >T-166-01<\/a><\/h4>\n<div class=\"pt-cv-content\">\u00a0 \u00a0 Sentencia T-166\/01 \u00a0 ACCION DE TUTELA-Procedencia excepcional pago de acreencias laborales\/DERECHO AL MINIMO VITAL DEL TRABAJADOR-Pago oportuno de salarios y prestaciones sociales \u00a0 Referencia: expediente T-371163 \u00a0 Acci\u00f3n de tutela incoada por Isabel Cecilia Guti\u00e9rrez de Granados contra el Hospital San Crist\u00f3bal de Ci\u00e9naga. \u00a0 Magistrado Ponente: \u00a0 Dr. JOS\u00c9 GREGORIO HERN\u00c1NDEZ GALINDO \u00a0 Bogot\u00e1, D.C., doce (12) de febrero de dos mil uno (2001). \u00a0 La Sala Quinta de Revisi\u00f3n de la Corte Constitucional, en ejercicio de sus atribuciones constitucionales y legales, espec\u00edficamente las previstas en los art\u00edculos 86 y \u00a0241, numeral 9, de la Constituci\u00f3n Pol\u00edtica ...<br \/><div class=\"pt-cv-rmwrap\"><a href=\"https:\/\/www.dmsjuridica.com\/buscador_20179478954\/corteconstitucionalcronologico202454587\/t-166-01\/\" class=\"_self pt-cv-readmore btn btn-success\" target=\"_self\">Ver Sentencia Completa...<\/a><\/div><\/div><\/div><\/div>\n<div class=\"col-md-12 col-sm-12 col-xs-12 pt-cv-content-item pt-cv-1-col\" ><div class='pt-cv-ifield'><a href=\"https:\/\/www.dmsjuridica.com\/buscador_20179478954\/corteconstitucionalcronologico202454587\/t-165-01\/\" class=\"_self pt-cv-href-thumbnail pt-cv-thumb-default\" target=\"_self\" ><\/a>\n<div class=\"pt-cv-taxoterm above_title\"><a href='https:\/\/www.dmsjuridica.com\/buscador_20179478954\/corteconstitucionalcronologico202454587\/category\/buscar-en-toda-la-corte\/2001\/tutelas-2001\/' title='Tutelas 2001' class='pt-cv-tax-tutelas-2001'>Tutelas 2001<\/a><\/div>\n<h4 class=\"pt-cv-title\"><a href=\"https:\/\/www.dmsjuridica.com\/buscador_20179478954\/corteconstitucionalcronologico202454587\/t-165-01\/\" class=\"_self\" target=\"_self\" >T-165-01<\/a><\/h4>\n<div class=\"pt-cv-content\">\u00a0 \u00a0 Sentencia T-165\/01 \u00a0 DEBIDO PROCESO ADMINISTRATIVO-Alcance \u00a0 DEBIDO PROCESO ADMINISTRATIVO-Notificaci\u00f3n de suspensi\u00f3n pago de pensi\u00f3n \u00a0 DERECHO DE DEFENSA-Aporte y debate de pruebas\/DERECHO DE DEFENSA-Procede respecto de procesos judiciales y administrativos \u00a0 Debe tenerse en cuenta que \u00edntimamente atado al debido proceso est\u00e1 el derecho a la defensa. As\u00ed, el interesado debe tener la oportunidad de debatir y de aportar las pruebas que estime pertinentes para oponerse a la decisi\u00f3n administrativa que, de manera particular, afecta sus derechos. Ello evidentemente constituye un l\u00edmite para evitar la arbitrariedad del poder p\u00fablico. Adem\u00e1s, debe resaltarse que el derecho a la ...<br \/><div class=\"pt-cv-rmwrap\"><a href=\"https:\/\/www.dmsjuridica.com\/buscador_20179478954\/corteconstitucionalcronologico202454587\/t-165-01\/\" class=\"_self pt-cv-readmore btn btn-success\" target=\"_self\">Ver Sentencia Completa...<\/a><\/div><\/div><\/div><\/div>\n<div class=\"col-md-12 col-sm-12 col-xs-12 pt-cv-content-item pt-cv-1-col\" ><div class='pt-cv-ifield'><a href=\"https:\/\/www.dmsjuridica.com\/buscador_20179478954\/corteconstitucionalcronologico202454587\/t-164-01\/\" class=\"_self pt-cv-href-thumbnail pt-cv-thumb-default\" target=\"_self\" ><\/a>\n<div class=\"pt-cv-taxoterm above_title\"><a href='https:\/\/www.dmsjuridica.com\/buscador_20179478954\/corteconstitucionalcronologico202454587\/category\/buscar-en-toda-la-corte\/2001\/tutelas-2001\/' title='Tutelas 2001' class='pt-cv-tax-tutelas-2001'>Tutelas 2001<\/a><\/div>\n<h4 class=\"pt-cv-title\"><a href=\"https:\/\/www.dmsjuridica.com\/buscador_20179478954\/corteconstitucionalcronologico202454587\/t-164-01\/\" class=\"_self\" target=\"_self\" >T-164-01<\/a><\/h4>\n<div class=\"pt-cv-content\">\u00a0 \u00a0 Sentencia T-164\/01 \u00a0 ACCION DE TUTELA-Improcedencia general sobre controversias laborales \u00a0 DERECHO AL PAGO OPORTUNO DEL SALARIO-Fundamental\/DERECHO AL MINIMO VITAL DEL TRABAJADOR-Pago oportuno de salarios \u00a0 ACCION DE TUTELA-Procedencia excepcional pago de acreencias laborales \u00a0 Referencia: expediente T-369.380\u00a0 \u00a0 Acci\u00f3n de tutela instaurada por Diana Virginia Livingston Pomare \u00a0 Magistrado ponente: \u00a0 Dr. EDUARDO MONTEALEGRE LYNETT \u00a0 Bogot\u00e1, D.C., doce (12) de febrero de dos mil uno (2001). \u00a0 La Sala Primera de Revisi\u00f3n de la Corte Constitucional, integrada por los Magistrados Alfredo Beltr\u00e1n Sierra, Manuel Jos\u00e9 Cepeda Espinosa y Eduardo Montealegre Lynett, quien la preside, en ejercicio ...<br \/><div class=\"pt-cv-rmwrap\"><a href=\"https:\/\/www.dmsjuridica.com\/buscador_20179478954\/corteconstitucionalcronologico202454587\/t-164-01\/\" class=\"_self pt-cv-readmore btn btn-success\" target=\"_self\">Ver Sentencia Completa...<\/a><\/div><\/div><\/div><\/div>\n<div class=\"col-md-12 col-sm-12 col-xs-12 pt-cv-content-item pt-cv-1-col\" ><div class='pt-cv-ifield'><a href=\"https:\/\/www.dmsjuridica.com\/buscador_20179478954\/corteconstitucionalcronologico202454587\/t-163-01\/\" class=\"_self pt-cv-href-thumbnail pt-cv-thumb-default\" target=\"_self\" ><\/a>\n<div class=\"pt-cv-taxoterm above_title\"><a href='https:\/\/www.dmsjuridica.com\/buscador_20179478954\/corteconstitucionalcronologico202454587\/category\/buscar-en-toda-la-corte\/2001\/tutelas-2001\/' title='Tutelas 2001' class='pt-cv-tax-tutelas-2001'>Tutelas 2001<\/a><\/div>\n<h4 class=\"pt-cv-title\"><a href=\"https:\/\/www.dmsjuridica.com\/buscador_20179478954\/corteconstitucionalcronologico202454587\/t-163-01\/\" class=\"_self\" target=\"_self\" >T-163-01<\/a><\/h4>\n<div class=\"pt-cv-content\">\u00a0 \u00a0 Sentencia T-163\/01 \u00a0 DERECHO A LA SEGURIDAD SOCIAL-Traslado de cotizaciones por empleador \u00a0 Todo empleador est\u00e1 obligado a transferir las cotizaciones legalmente establecidas para la seguridad social en pensiones de los trabajadores. Por lo tanto, el empleador recauda los recursos y transfiere el riesgo a la administradora de pensiones escogida por el trabajador, quien tiene a su cargo la administraci\u00f3n y eficiente utilizaci\u00f3n de los recursos parafiscales. Ello significa que el empleador que no transfiere los correspondientes aportes no adeuda el monto al trabajador sino que incumple su obligaci\u00f3n con el sistema de seguridad social, puesto que las ...<br \/><div class=\"pt-cv-rmwrap\"><a href=\"https:\/\/www.dmsjuridica.com\/buscador_20179478954\/corteconstitucionalcronologico202454587\/t-163-01\/\" class=\"_self pt-cv-readmore btn btn-success\" target=\"_self\">Ver Sentencia Completa...<\/a><\/div><\/div><\/div><\/div>\n<div class=\"col-md-12 col-sm-12 col-xs-12 pt-cv-content-item pt-cv-1-col\" ><div class='pt-cv-ifield'><a href=\"https:\/\/www.dmsjuridica.com\/buscador_20179478954\/corteconstitucionalcronologico202454587\/t-162-01\/\" class=\"_self pt-cv-href-thumbnail pt-cv-thumb-default\" target=\"_self\" ><\/a>\n<div class=\"pt-cv-taxoterm above_title\"><a href='https:\/\/www.dmsjuridica.com\/buscador_20179478954\/corteconstitucionalcronologico202454587\/category\/buscar-en-toda-la-corte\/2001\/tutelas-2001\/' title='Tutelas 2001' class='pt-cv-tax-tutelas-2001'>Tutelas 2001<\/a><\/div>\n<h4 class=\"pt-cv-title\"><a href=\"https:\/\/www.dmsjuridica.com\/buscador_20179478954\/corteconstitucionalcronologico202454587\/t-162-01\/\" class=\"_self\" target=\"_self\" >T-162-01<\/a><\/h4>\n<div class=\"pt-cv-content\">\u00a0 \u00a0 Sentencia T-162\/01 \u00a0 SISBEN-Naturaleza \u00a0 SISBEN-Focalizaci\u00f3n del gasto social \u00a0 Referencia: expediente T-375776 \u00a0 Acci\u00f3n de tutela interpuesta por Miriam Diez Ruiz \u00a0contra el Jefe del Departamento Estad\u00edstico de Planeaci\u00f3n Municipal de Medell\u00edn \u00a0 Dr. FABIO MORON DIAZ\u00a0 \u00a0 Bogot\u00e1, D.C., febrero doce (12) de dos mil \u00a0uno (2001) \u00a0\u00a0 \u00a0 \u00a0 \u00a0 La Sala S\u00e9ptima de Revisi\u00f3n de la Corte Constitucional, integrada por los Magistrados FABIO MORON DIAZ, RODRIGO ESCOBAR GIL y ALVARO TAFUR GALVIS, en ejercicio de sus competencias constitucionales y legales, ha proferido la siguiente \u00a0 SENTENCIA \u00a0 en el proceso de revisi\u00f3n de fallo ...<br \/><div class=\"pt-cv-rmwrap\"><a href=\"https:\/\/www.dmsjuridica.com\/buscador_20179478954\/corteconstitucionalcronologico202454587\/t-162-01\/\" class=\"_self pt-cv-readmore btn btn-success\" target=\"_self\">Ver Sentencia Completa...<\/a><\/div><\/div><\/div><\/div>\n<div class=\"col-md-12 col-sm-12 col-xs-12 pt-cv-content-item pt-cv-1-col\" ><div class='pt-cv-ifield'><a href=\"https:\/\/www.dmsjuridica.com\/buscador_20179478954\/corteconstitucionalcronologico202454587\/t-161-01\/\" class=\"_self pt-cv-href-thumbnail pt-cv-thumb-default\" target=\"_self\" ><\/a>\n<div class=\"pt-cv-taxoterm above_title\"><a href='https:\/\/www.dmsjuridica.com\/buscador_20179478954\/corteconstitucionalcronologico202454587\/category\/buscar-en-toda-la-corte\/2001\/tutelas-2001\/' title='Tutelas 2001' class='pt-cv-tax-tutelas-2001'>Tutelas 2001<\/a><\/div>\n<h4 class=\"pt-cv-title\"><a href=\"https:\/\/www.dmsjuridica.com\/buscador_20179478954\/corteconstitucionalcronologico202454587\/t-161-01\/\" class=\"_self\" target=\"_self\" >T-161-01<\/a><\/h4>\n<div class=\"pt-cv-content\">SISTEMA DE SALUD-Relaciones entre empleador y entidad de seguridad social \u00a0 DERECHO A RECIBIR LAS PRESTACIONES MEDICAS \u00a0 TRABAJADOR ASALARIADO-Suspensi\u00f3n de la afiliaci\u00f3n\/EMPLEADOR-Responsabilidad por no pago de aportes \u00a0 LICENCIA DE MATERNIDAD-Procedencia excepcional de tutela para el pago \u00a0 LICENCIA DE MATERNIDAD-Pago por allanamiento a la mora por EPS \u00a0 Referencia: expediente T-389874 \u00a0 Acci\u00f3n de tutela interpuesta por Maria Luisa Lozada contra ISS-Seccional Cali \u00a0 Magistrado Ponente: \u00a0 Dr. FABIO MORON DIAZ\u00a0 \u00a0 Bogot\u00e1, D.C., febrero doce (12) \u00a0de dos mil \u00a0uno (2001) \u00a0\u00a0 \u00a0 \u00a0 \u00a0 La Sala S\u00e9ptima de Revisi\u00f3n de Tutelas de la Corte Constitucional, integrada ...<br \/><div class=\"pt-cv-rmwrap\"><a href=\"https:\/\/www.dmsjuridica.com\/buscador_20179478954\/corteconstitucionalcronologico202454587\/t-161-01\/\" class=\"_self pt-cv-readmore btn btn-success\" target=\"_self\">Ver Sentencia Completa...<\/a><\/div><\/div><\/div><\/div>\n<div class=\"col-md-12 col-sm-12 col-xs-12 pt-cv-content-item pt-cv-1-col\" ><div class='pt-cv-ifield'><a href=\"https:\/\/www.dmsjuridica.com\/buscador_20179478954\/corteconstitucionalcronologico202454587\/t-160-01\/\" class=\"_self pt-cv-href-thumbnail pt-cv-thumb-default\" target=\"_self\" ><\/a>\n<div class=\"pt-cv-taxoterm above_title\"><a href='https:\/\/www.dmsjuridica.com\/buscador_20179478954\/corteconstitucionalcronologico202454587\/category\/buscar-en-toda-la-corte\/2001\/tutelas-2001\/' title='Tutelas 2001' class='pt-cv-tax-tutelas-2001'>Tutelas 2001<\/a><\/div>\n<h4 class=\"pt-cv-title\"><a href=\"https:\/\/www.dmsjuridica.com\/buscador_20179478954\/corteconstitucionalcronologico202454587\/t-160-01\/\" class=\"_self\" target=\"_self\" >T-160-01<\/a><\/h4>\n<div class=\"pt-cv-content\">\u00a0 \u00a0 Sentencia T-160\/01 \u00a0 ENFERMEDADES CATASTROFICAS O RUINOSAS-Suministro de tratamiento por EPS sin cumplir periodo m\u00ednimo de cotizaci\u00f3n\/ENTIDAD PROMOTORA DE SALUD-Repetici\u00f3n contra el FOSYGA \u00a0 DERECHO A LA SALUD-Atenci\u00f3n domiciliaria a persona parapl\u00e9jica\u00a0 \u00a0 Referencia: expediente T-388685 \u00a0 Acci\u00f3n de tutela interpuesta por Mar\u00eda Consuelo Carvajal Carvajal \u00a0 \u00a0contra el ISS-Seccional Medell\u00edn \u00a0 Magistrado Ponente: \u00a0 Dr. FABIO MORON DIAZ\u00a0 \u00a0 Bogot\u00e1, D.C., febrero doce (12) \u00a0de dos mil uno (2001) \u00a0\u00a0 \u00a0 La Sala S\u00e9ptima de Revisi\u00f3n de la Corte Constitucional, integrada por los Magistrados FABIO MORON DIAZ, RODRIGO ESCOBAR GIL y ALVARO TAFUR GALVIS, en ejercicio de ...<br \/><div class=\"pt-cv-rmwrap\"><a href=\"https:\/\/www.dmsjuridica.com\/buscador_20179478954\/corteconstitucionalcronologico202454587\/t-160-01\/\" class=\"_self pt-cv-readmore btn btn-success\" target=\"_self\">Ver Sentencia Completa...<\/a><\/div><\/div><\/div><\/div>\n<div class=\"col-md-12 col-sm-12 col-xs-12 pt-cv-content-item pt-cv-1-col\" ><div class='pt-cv-ifield'><a href=\"https:\/\/www.dmsjuridica.com\/buscador_20179478954\/corteconstitucionalcronologico202454587\/t-159-01\/\" class=\"_self pt-cv-href-thumbnail pt-cv-thumb-default\" target=\"_self\" ><\/a>\n<div class=\"pt-cv-taxoterm above_title\"><a href='https:\/\/www.dmsjuridica.com\/buscador_20179478954\/corteconstitucionalcronologico202454587\/category\/buscar-en-toda-la-corte\/2001\/tutelas-2001\/' title='Tutelas 2001' class='pt-cv-tax-tutelas-2001'>Tutelas 2001<\/a><\/div>\n<h4 class=\"pt-cv-title\"><a href=\"https:\/\/www.dmsjuridica.com\/buscador_20179478954\/corteconstitucionalcronologico202454587\/t-159-01\/\" class=\"_self\" target=\"_self\" >T-159-01<\/a><\/h4>\n<div class=\"pt-cv-content\">\u00a0 \u00a0 Sentencia T-159\/01 \u00a0 LICENCIA DE MATERNIDAD-Procedencia excepcional de tutela para el pago \u00a0 MADRE COMUNITARIA-Vinculaci\u00f3n a r\u00e9gimen subsidiado con normatividad anterior\/MADRE COMUNITARIA-Vinculaci\u00f3n a r\u00e9gimen contributivo con normatividad posterior \u00a0 Referencia: expediente T-382998 \u00a0 Acci\u00f3n de tutela instaurada por Lida Quintero Ossa contra el I.S.S. Seccional Neiva. \u00a0 Magistrado Ponente: \u00a0 Dr. FABIO MORON DIAZ\u00a0 \u00a0 Bogot\u00e1, D.C., febrero doce (12)\u00a0 de dos mil uno (2001) \u00a0\u00a0 \u00a0 \u00a0 \u00a0 La Sala S\u00e9ptima de Revisi\u00f3n de Tutelas de la Corte Constitucional, integrada por los Magistrados RODRIGO ESCOBAR GIL, ALVARO TAFUR GALVIS y FABIO MORON DIAZ, en ejercicio de sus ...<br \/><div class=\"pt-cv-rmwrap\"><a href=\"https:\/\/www.dmsjuridica.com\/buscador_20179478954\/corteconstitucionalcronologico202454587\/t-159-01\/\" class=\"_self pt-cv-readmore btn btn-success\" target=\"_self\">Ver Sentencia Completa...<\/a><\/div><\/div><\/div><\/div>\n<div class=\"col-md-12 col-sm-12 col-xs-12 pt-cv-content-item pt-cv-1-col\" ><div class='pt-cv-ifield'><a href=\"https:\/\/www.dmsjuridica.com\/buscador_20179478954\/corteconstitucionalcronologico202454587\/t-158-01\/\" class=\"_self pt-cv-href-thumbnail pt-cv-thumb-default\" target=\"_self\" ><\/a>\n<div class=\"pt-cv-taxoterm above_title\"><a href='https:\/\/www.dmsjuridica.com\/buscador_20179478954\/corteconstitucionalcronologico202454587\/category\/buscar-en-toda-la-corte\/2001\/tutelas-2001\/' title='Tutelas 2001' class='pt-cv-tax-tutelas-2001'>Tutelas 2001<\/a><\/div>\n<h4 class=\"pt-cv-title\"><a href=\"https:\/\/www.dmsjuridica.com\/buscador_20179478954\/corteconstitucionalcronologico202454587\/t-158-01\/\" class=\"_self\" target=\"_self\" >T-158-01<\/a><\/h4>\n<div class=\"pt-cv-content\">\u00a0 \u00a0 Sentencia T-158\/01 \u00a0 LICENCIA DE MATERNIDAD-Procedencia excepcional de tutela para el pago \u00a0 MADRE COMUNITARIA-Vinculaci\u00f3n a r\u00e9gimen subsidiado con normatividad anterior\/MADRE COMUNITARIA-Vinculaci\u00f3n a r\u00e9gimen contributivo con normatividad posterior \u00a0 A partir de la Ley 100 de 1993, las madres comunitarias fueron vinculadas al sistema de seguridad social en salud, a trav\u00e9s del r\u00e9gimen subsidiado, por lo que ten\u00edan derecho a la atenci\u00f3n en salud, pero no al reconocimiento de las prestaciones econ\u00f3micas. Posteriormente, a partir del 3 de agosto de 1999, fecha en la que entra en vigencia la Ley 509 de 1999, las madres comunitarias se vinculan ...<br \/><div class=\"pt-cv-rmwrap\"><a href=\"https:\/\/www.dmsjuridica.com\/buscador_20179478954\/corteconstitucionalcronologico202454587\/t-158-01\/\" class=\"_self pt-cv-readmore btn btn-success\" target=\"_self\">Ver Sentencia Completa...<\/a><\/div><\/div><\/div><\/div>\n<div class=\"col-md-12 col-sm-12 col-xs-12 pt-cv-content-item pt-cv-1-col\" ><div class='pt-cv-ifield'><a href=\"https:\/\/www.dmsjuridica.com\/buscador_20179478954\/corteconstitucionalcronologico202454587\/t-157-01\/\" class=\"_self pt-cv-href-thumbnail pt-cv-thumb-default\" target=\"_self\" ><\/a>\n<div class=\"pt-cv-taxoterm above_title\"><a href='https:\/\/www.dmsjuridica.com\/buscador_20179478954\/corteconstitucionalcronologico202454587\/category\/buscar-en-toda-la-corte\/2001\/tutelas-2001\/' title='Tutelas 2001' class='pt-cv-tax-tutelas-2001'>Tutelas 2001<\/a><\/div>\n<h4 class=\"pt-cv-title\"><a href=\"https:\/\/www.dmsjuridica.com\/buscador_20179478954\/corteconstitucionalcronologico202454587\/t-157-01\/\" class=\"_self\" target=\"_self\" >T-157-01<\/a><\/h4>\n<div class=\"pt-cv-content\">\u00a0 \u00a0 Sentencia T-157\/01 \u00a0 LICENCIA DE MATERNIDAD-Procedencia excepcional de tutela para el pago \u00a0 SISTEMA DE SALUD-Relaciones entre empleador y entidad de seguridad social \u00a0 DERECHO A RECIBIR LAS PRESTACIONES MEDICAS \u00a0 TRABAJADOR ASALARIADO-Suspensi\u00f3n de la afiliaci\u00f3n\/EMPLEADOR-Asunci\u00f3n de responsabilidad por no pago de aportes \u00a0 LICENCIA DE MATERNIDAD-Pago oportuno \u00a0 Referencia: expediente T-375590 \u00a0 Acci\u00f3n de tutela interpuesta por Gladys Romero Torres contra ISS-Seccional Santander \u00a0 Magistrado Ponente: \u00a0 Dr. FABIO MORON DIAZ\u00a0 \u00a0 Bogot\u00e1, D.C., febrero doce (12) de dos mil uno (2001) \u00a0 \u00a0 \u00a0 La Sala S\u00e9ptima de Revisi\u00f3n de Tutelas de la Corte Constitucional, integrada ...<br \/><div class=\"pt-cv-rmwrap\"><a href=\"https:\/\/www.dmsjuridica.com\/buscador_20179478954\/corteconstitucionalcronologico202454587\/t-157-01\/\" class=\"_self pt-cv-readmore btn btn-success\" target=\"_self\">Ver Sentencia Completa...<\/a><\/div><\/div><\/div><\/div>\n<div class=\"col-md-12 col-sm-12 col-xs-12 pt-cv-content-item pt-cv-1-col\" ><div class='pt-cv-ifield'><a href=\"https:\/\/www.dmsjuridica.com\/buscador_20179478954\/corteconstitucionalcronologico202454587\/t-156-01\/\" class=\"_self pt-cv-href-thumbnail pt-cv-thumb-default\" target=\"_self\" ><\/a>\n<div class=\"pt-cv-taxoterm above_title\"><a href='https:\/\/www.dmsjuridica.com\/buscador_20179478954\/corteconstitucionalcronologico202454587\/category\/buscar-en-toda-la-corte\/2001\/tutelas-2001\/' title='Tutelas 2001' class='pt-cv-tax-tutelas-2001'>Tutelas 2001<\/a><\/div>\n<h4 class=\"pt-cv-title\"><a href=\"https:\/\/www.dmsjuridica.com\/buscador_20179478954\/corteconstitucionalcronologico202454587\/t-156-01\/\" class=\"_self\" target=\"_self\" >T-156-01<\/a><\/h4>\n<div class=\"pt-cv-content\">SUBORDINACION-Alcance\/INDEFENSION-Alcance \u00a0 ACCION DE TUTELA CONTRA PARTICULARES-Subordinaci\u00f3n \u00a0 MEDIO DE DEFENSA JUDICIAL-Suspensi\u00f3n desmantelamiento de activos de empresa\/PERJUICIO IRREMEDIABLE-Inexistencia \u00a0 - Reiteraci\u00f3n de Jurisprudencia - \u00a0 Referencia: expediente T-369080 \u00a0 Acci\u00f3n de tutela interpuesta por SEGUNDO ADEMELIO RODRIGUEZ CHALPUE contra RODAMIENTOS DE COLOMBIA Y\/O BALINCO LTDA. \u00a0 Magistrado Ponente: \u00a0 Dr. FABIO MORON DIAZ\u00a0 \u00a0 Bogot\u00e1, D.C., febrero doce (12) de dos mil uno (2001). \u00a0 La Sala S\u00e9ptima de Revisi\u00f3n de Tutelas de la Corte Constitucional, integrada por los Magistrados RODRIGO ESCOBAR GIL, ALVARO TAFUR GALVIS y FABIO MORON DIAZ, en ejercicio de sus competencias constitucionales y legales, ha proferido ...<br \/><div class=\"pt-cv-rmwrap\"><a href=\"https:\/\/www.dmsjuridica.com\/buscador_20179478954\/corteconstitucionalcronologico202454587\/t-156-01\/\" class=\"_self pt-cv-readmore btn btn-success\" target=\"_self\">Ver Sentencia Completa...<\/a><\/div><\/div><\/div><\/div>\n<div class=\"col-md-12 col-sm-12 col-xs-12 pt-cv-content-item pt-cv-1-col\" ><div class='pt-cv-ifield'><a href=\"https:\/\/www.dmsjuridica.com\/buscador_20179478954\/corteconstitucionalcronologico202454587\/t-155-01\/\" class=\"_self pt-cv-href-thumbnail pt-cv-thumb-default\" target=\"_self\" ><\/a>\n<div class=\"pt-cv-taxoterm above_title\"><a href='https:\/\/www.dmsjuridica.com\/buscador_20179478954\/corteconstitucionalcronologico202454587\/category\/buscar-en-toda-la-corte\/2001\/tutelas-2001\/' title='Tutelas 2001' class='pt-cv-tax-tutelas-2001'>Tutelas 2001<\/a><\/div>\n<h4 class=\"pt-cv-title\"><a href=\"https:\/\/www.dmsjuridica.com\/buscador_20179478954\/corteconstitucionalcronologico202454587\/t-155-01\/\" class=\"_self\" target=\"_self\" >T-155-01<\/a><\/h4>\n<div class=\"pt-cv-content\">\u00a0 \u00a0 Sentencia T-155\/01 \u00a0 DERECHO A LA SALUD-Fundamental por conexidad con la vida \u00a0 ACCION DE TUTELA-Improcedencia por no afectaci\u00f3n de vida ni salud \u00a0 Reiteraci\u00f3n de Jurisprudencia \u00a0 Referencia: expediente T-342243 \u00a0 Acci\u00f3n de tutela instaurada por Anil de Jes\u00fas Monterroza Mayoriano contra Salud Colmena. \u00a0 Magistrado Ponente: \u00a0 FABIO MOR\u00d3N D\u00cdAZ \u00a0 Bogot\u00e1, D.C., a los doce (12) d\u00edas del mes de febrero de dos mil uno (2001). \u00a0 La Sala S\u00e9ptima de revisi\u00f3n de la Corte Constitucional, en ejercicio de sus competencias constitucionales y legales, en particular las contenidas en los art\u00edculos 86 y 241, numeral ...<br \/><div class=\"pt-cv-rmwrap\"><a href=\"https:\/\/www.dmsjuridica.com\/buscador_20179478954\/corteconstitucionalcronologico202454587\/t-155-01\/\" class=\"_self pt-cv-readmore btn btn-success\" target=\"_self\">Ver Sentencia Completa...<\/a><\/div><\/div><\/div><\/div>\n<div class=\"col-md-12 col-sm-12 col-xs-12 pt-cv-content-item pt-cv-1-col\" ><div class='pt-cv-ifield'><a href=\"https:\/\/www.dmsjuridica.com\/buscador_20179478954\/corteconstitucionalcronologico202454587\/t-154-01\/\" class=\"_self pt-cv-href-thumbnail pt-cv-thumb-default\" target=\"_self\" ><\/a>\n<div class=\"pt-cv-taxoterm above_title\"><a href='https:\/\/www.dmsjuridica.com\/buscador_20179478954\/corteconstitucionalcronologico202454587\/category\/buscar-en-toda-la-corte\/2001\/tutelas-2001\/' title='Tutelas 2001' class='pt-cv-tax-tutelas-2001'>Tutelas 2001<\/a><\/div>\n<h4 class=\"pt-cv-title\"><a href=\"https:\/\/www.dmsjuridica.com\/buscador_20179478954\/corteconstitucionalcronologico202454587\/t-154-01\/\" class=\"_self\" target=\"_self\" >T-154-01<\/a><\/h4>\n<div class=\"pt-cv-content\">\u00a0 \u00a0 Sentencia T-154\/01 \u00a0 MUJER TRABAJADORA EMBARAZADA-Protecci\u00f3n constitucional especial \u00a0 MUJER TRABAJADORA EMBARAZADA-Estabilidad laboral \u00a0 DERECHO A LA ESTABILIDAD LABORAL REFORZADA DE MUJER EMBARAZADA-Elementos f\u00e1cticos que deben demostrarse \u00a0 Reiteraci\u00f3n de Jurisprudencia \u00a0 Referencia: expediente T-329691 \u00a0 Acci\u00f3n de tutela instaurada por Pilar Amanda Moreno Moreno contra \"COLTEMPORA LTDA\". \u00a0 \u00a0 \u00a0 \u00a0 \u00a0 \u00a0 \u00a0 \u00a0 \u00a0 \u00a0 \u00a0 \u00a0 \u00a0 \u00a0 \u00a0 \u00a0 \u00a0 \u00a0 \u00a0 \u00a0 \u00a0 \u00a0 \u00a0 \u00a0 \u00a0 \u00a0 Magistrado Ponente:\u00a0 \u00a0 Dr. FABIO MOR\u00d3N D\u00cdAZ \u00a0 Bogot\u00e1, D.C. a los doce (12) d\u00edas del mes de febrero de dos mil uno (2001) ...<br \/><div class=\"pt-cv-rmwrap\"><a href=\"https:\/\/www.dmsjuridica.com\/buscador_20179478954\/corteconstitucionalcronologico202454587\/t-154-01\/\" class=\"_self pt-cv-readmore btn btn-success\" target=\"_self\">Ver Sentencia Completa...<\/a><\/div><\/div><\/div><\/div>\n<div class=\"col-md-12 col-sm-12 col-xs-12 pt-cv-content-item pt-cv-1-col\" ><div class='pt-cv-ifield'><a href=\"https:\/\/www.dmsjuridica.com\/buscador_20179478954\/corteconstitucionalcronologico202454587\/t-153-01\/\" class=\"_self pt-cv-href-thumbnail pt-cv-thumb-default\" target=\"_self\" ><\/a>\n<div class=\"pt-cv-taxoterm above_title\"><a href='https:\/\/www.dmsjuridica.com\/buscador_20179478954\/corteconstitucionalcronologico202454587\/category\/buscar-en-toda-la-corte\/2001\/tutelas-2001\/' title='Tutelas 2001' class='pt-cv-tax-tutelas-2001'>Tutelas 2001<\/a><\/div>\n<h4 class=\"pt-cv-title\"><a href=\"https:\/\/www.dmsjuridica.com\/buscador_20179478954\/corteconstitucionalcronologico202454587\/t-153-01\/\" class=\"_self\" target=\"_self\" >T-153-01<\/a><\/h4>\n<div class=\"pt-cv-content\">\u00a0 \u00a0 Sentencia T-153\/01 \u00a0 ACCION DE TUTELA-Procedencia excepcional pago de acreencias laborales \u00a0 DERECHO AL MINIMO VITAL DEL TRABAJADOR-Pago oportuno de salarios \u00a0 ACCION DE TUTELA-Improcedencia por no afectaci\u00f3n del m\u00ednimo vital \u00a0 \u00a0 \u00a0 \u00a0 \u00a0 \u00a0 \u00a0\u00a0 \u00a0 Reiteraci\u00f3n de Jurisprudencia \u00a0 Referencia: expediente T- 290450 \u00a0 Acci\u00f3n de tutela instaurada por Marlen \u00a0 \u00a0Ramos Isaza contra la Fundaci\u00f3n San Juan de Dios. \u00a0 Magistrado Ponente: \u00a0 Dr. FABIO MOR\u00d3N D\u00cdAZ\u00a0 \u00a0 Bogot\u00e1, D.C., a los doce (12) d\u00edas del mes de febrero del a\u00f1o dos mil uno (2001). \u00a0\u00a0 \u00a0 La Sala S\u00e9ptima de Revisi\u00f3n de ...<br \/><div class=\"pt-cv-rmwrap\"><a href=\"https:\/\/www.dmsjuridica.com\/buscador_20179478954\/corteconstitucionalcronologico202454587\/t-153-01\/\" class=\"_self pt-cv-readmore btn btn-success\" target=\"_self\">Ver Sentencia Completa...<\/a><\/div><\/div><\/div><\/div>\n<div class=\"col-md-12 col-sm-12 col-xs-12 pt-cv-content-item pt-cv-1-col\" ><div class='pt-cv-ifield'><a href=\"https:\/\/www.dmsjuridica.com\/buscador_20179478954\/corteconstitucionalcronologico202454587\/t-152-01\/\" class=\"_self pt-cv-href-thumbnail pt-cv-thumb-default\" target=\"_self\" ><\/a>\n<div class=\"pt-cv-taxoterm above_title\"><a href='https:\/\/www.dmsjuridica.com\/buscador_20179478954\/corteconstitucionalcronologico202454587\/category\/buscar-en-toda-la-corte\/2001\/tutelas-2001\/' title='Tutelas 2001' class='pt-cv-tax-tutelas-2001'>Tutelas 2001<\/a><\/div>\n<h4 class=\"pt-cv-title\"><a href=\"https:\/\/www.dmsjuridica.com\/buscador_20179478954\/corteconstitucionalcronologico202454587\/t-152-01\/\" class=\"_self\" target=\"_self\" >T-152-01<\/a><\/h4>\n<div class=\"pt-cv-content\">\u00a0 \u00a0 Sentencia T-152\/01 \u00a0 ACCION DE TUTELA-Procedencia excepcional pago de acreencias laborales \u00a0 DERECHO AL MINIMO VITAL-Alcance \u00a0 ACCION DE TUTELA-Improcedencia pago de salarios y prestaciones por inexistencia de perjuicio irremediable \u00a0 Reiteraci\u00f3n de Jurisprudencia \u00a0 Referencia: expediente T-368645\u00a0 \u00a0 Acci\u00f3n de tutela instaurada por Mar\u00eda Almanza Iglesia contra el Municipio de Ci\u00e9naga (Magdalena) \u00a0 \u00a0 Magistrado Ponente: \u00a0 Dr. ALVARO TAFUR GALVIS \u00a0 Bogot\u00e1 D.C., a los doce (12) d\u00edas del mes de febrero de dos mil uno (2001). \u00a0 La Sala Novena de Revisi\u00f3n de la Corte Constitucional, en ejercicio de sus competencias constitucionales y legales, espec\u00edficamente ...<br \/><div class=\"pt-cv-rmwrap\"><a href=\"https:\/\/www.dmsjuridica.com\/buscador_20179478954\/corteconstitucionalcronologico202454587\/t-152-01\/\" class=\"_self pt-cv-readmore btn btn-success\" target=\"_self\">Ver Sentencia Completa...<\/a><\/div><\/div><\/div><\/div>\n<div class=\"col-md-12 col-sm-12 col-xs-12 pt-cv-content-item pt-cv-1-col\" ><div class='pt-cv-ifield'><a href=\"https:\/\/www.dmsjuridica.com\/buscador_20179478954\/corteconstitucionalcronologico202454587\/t-151-01\/\" class=\"_self pt-cv-href-thumbnail pt-cv-thumb-default\" target=\"_self\" ><\/a>\n<div class=\"pt-cv-taxoterm above_title\"><a href='https:\/\/www.dmsjuridica.com\/buscador_20179478954\/corteconstitucionalcronologico202454587\/category\/buscar-en-toda-la-corte\/2001\/tutelas-2001\/' title='Tutelas 2001' class='pt-cv-tax-tutelas-2001'>Tutelas 2001<\/a><\/div>\n<h4 class=\"pt-cv-title\"><a href=\"https:\/\/www.dmsjuridica.com\/buscador_20179478954\/corteconstitucionalcronologico202454587\/t-151-01\/\" class=\"_self\" target=\"_self\" >T-151-01<\/a><\/h4>\n<div class=\"pt-cv-content\">\u00a0 \u00a0 Sentencia T-151\/01 \u00a0 ACCION DE TUTELA-Improcedencia contra actos de car\u00e1cter general, impersonal y abstracto. \u00a0 \u00a0 \u00a0 AUTONOMIA UNIVERSITARIA-Condiciones y procedimientos para elecci\u00f3n de rector \u00a0 \u00a0 Por virtud \u00a0de la autonom\u00eda reconocida a los entes universitarios (art\u00edculo 69 C.P.), los \u00f3rganos directivos de \u00a0la Universidad de Cartagena gozaban de \u00a0la \u201ccapacidad de autorregulaci\u00f3n filos\u00f3fica y de autodeterminaci\u00f3n administrativa\u201d que les permit\u00edan \u00a0fijar \u00a0las condiciones y el procedimiento \u00a0para la elecci\u00f3n del Rector de la \u00a0instituci\u00f3n. Competencia que obviamente \u00a0deb\u00eda ejercerse respetando el conjunto de valores, principios, derechos y deberes constitucionales, as\u00ed como las prescripciones contenidas en la ...<br \/><div class=\"pt-cv-rmwrap\"><a href=\"https:\/\/www.dmsjuridica.com\/buscador_20179478954\/corteconstitucionalcronologico202454587\/t-151-01\/\" class=\"_self pt-cv-readmore btn btn-success\" target=\"_self\">Ver Sentencia Completa...<\/a><\/div><\/div><\/div><\/div>\n<div class=\"col-md-12 col-sm-12 col-xs-12 pt-cv-content-item pt-cv-1-col\" ><div class='pt-cv-ifield'><a href=\"https:\/\/www.dmsjuridica.com\/buscador_20179478954\/corteconstitucionalcronologico202454587\/t-150-01\/\" class=\"_self pt-cv-href-thumbnail pt-cv-thumb-default\" target=\"_self\" ><\/a>\n<div class=\"pt-cv-taxoterm above_title\"><a href='https:\/\/www.dmsjuridica.com\/buscador_20179478954\/corteconstitucionalcronologico202454587\/category\/buscar-en-toda-la-corte\/2001\/tutelas-2001\/' title='Tutelas 2001' class='pt-cv-tax-tutelas-2001'>Tutelas 2001<\/a><\/div>\n<h4 class=\"pt-cv-title\"><a href=\"https:\/\/www.dmsjuridica.com\/buscador_20179478954\/corteconstitucionalcronologico202454587\/t-150-01\/\" class=\"_self\" target=\"_self\" >T-150-01<\/a><\/h4>\n<div class=\"pt-cv-content\">\u00a0 \u00a0 Sentencia T-150\/01 \u00a0 DERECHO A LA SEGURIDAD SOCIAL-Fundamental por conexidad \u00a0 DERECHO A LA PENSION DE JUBILACION-Pago oportuno por afectaci\u00f3n del m\u00ednimo vital \u00a0 ACCION DE TUTELA-Procedencia excepcional pago de mesadas pensionales \u00a0 PENSION COMPARTIDA-Extinci\u00f3n por acuerdo conciliatorio\/PERSONA DE LA TERCERA EDAD-Indefensi\u00f3n. \u00a0 La conciliaci\u00f3n celebrada entre el demandante y la compara INCO se cumpli\u00f3 \u00a0ante el Ministerio de Trabajo y Seguridad Social - Direcci\u00f3n Regional de Trabajo -, quien por supuesto procedi\u00f3 a impartirle la debida aprobaci\u00f3n, 1quedando de este modo surtida 1.a revisi\u00f3n de legalidad del precitado acuerdo. En esos t\u00e9rminos, ante la imposibilidad jur\u00eddica de ...<br \/><div class=\"pt-cv-rmwrap\"><a href=\"https:\/\/www.dmsjuridica.com\/buscador_20179478954\/corteconstitucionalcronologico202454587\/t-150-01\/\" class=\"_self pt-cv-readmore btn btn-success\" target=\"_self\">Ver Sentencia Completa...<\/a><\/div><\/div><\/div><\/div>\n<div class=\"col-md-12 col-sm-12 col-xs-12 pt-cv-content-item pt-cv-1-col\" ><div class='pt-cv-ifield'><a href=\"https:\/\/www.dmsjuridica.com\/buscador_20179478954\/corteconstitucionalcronologico202454587\/t-149-01\/\" class=\"_self pt-cv-href-thumbnail pt-cv-thumb-default\" target=\"_self\" ><\/a>\n<div class=\"pt-cv-taxoterm above_title\"><a href='https:\/\/www.dmsjuridica.com\/buscador_20179478954\/corteconstitucionalcronologico202454587\/category\/buscar-en-toda-la-corte\/2001\/tutelas-2001\/' title='Tutelas 2001' class='pt-cv-tax-tutelas-2001'>Tutelas 2001<\/a><\/div>\n<h4 class=\"pt-cv-title\"><a href=\"https:\/\/www.dmsjuridica.com\/buscador_20179478954\/corteconstitucionalcronologico202454587\/t-149-01\/\" class=\"_self\" target=\"_self\" >T-149-01<\/a><\/h4>\n<div class=\"pt-cv-content\">\u00a0 \u00a0 Sentencia T-149\/01 \u00a0 DERECHO AL PAGO OPORTUNO DEL SALARIO-Fundamental\/DERECHO AL MINIMO VITAL DEL TRABAJADOR-Pago oportuno de salarios\/EMPLEADOR-Situaci\u00f3n econ\u00f3mica o presupuestal no es \u00f3bice para desconocer pago de salarios \u00a0 Referencia: expedientes acumulados T-370652, T- 370653, T-370654, T-370708, T-370709, T- 370710, T- 370711, T-370712, T-370713, T-3707141, T-370715, T- 370716, T-370717, T- 370718, T-370719, T-370720, T-370721 y T- 370722\u00a0 \u00a0 Peticionario: Luis Alberto Lara P\u00e9rez y otros.\u00a0 \u00a0 Magistrado Ponente:\u00a0 \u00a0 Dr. RODRIGO ESCOBAR GIL\u00a0 \u00a0 Bogot\u00e1, D.C., ocho (8) de febrero de dos mil uno (2001)\u00a0 \u00a0 La Sala Octava de Revisi\u00f3n de la Corte Constitucional, conformada por los ...<br \/><div class=\"pt-cv-rmwrap\"><a href=\"https:\/\/www.dmsjuridica.com\/buscador_20179478954\/corteconstitucionalcronologico202454587\/t-149-01\/\" class=\"_self pt-cv-readmore btn btn-success\" target=\"_self\">Ver Sentencia Completa...<\/a><\/div><\/div><\/div><\/div>\n<div class=\"col-md-12 col-sm-12 col-xs-12 pt-cv-content-item pt-cv-1-col\" ><div class='pt-cv-ifield'><a href=\"https:\/\/www.dmsjuridica.com\/buscador_20179478954\/corteconstitucionalcronologico202454587\/t-148-01\/\" class=\"_self pt-cv-href-thumbnail pt-cv-thumb-default\" target=\"_self\" ><\/a>\n<div class=\"pt-cv-taxoterm above_title\"><a href='https:\/\/www.dmsjuridica.com\/buscador_20179478954\/corteconstitucionalcronologico202454587\/category\/buscar-en-toda-la-corte\/2001\/tutelas-2001\/' title='Tutelas 2001' class='pt-cv-tax-tutelas-2001'>Tutelas 2001<\/a><\/div>\n<h4 class=\"pt-cv-title\"><a href=\"https:\/\/www.dmsjuridica.com\/buscador_20179478954\/corteconstitucionalcronologico202454587\/t-148-01\/\" class=\"_self\" target=\"_self\" >T-148-01<\/a><\/h4>\n<div class=\"pt-cv-content\">\u00a0 \u00a0 Sentencia T-148\/01 \u00a0 ACCION DE TUTELA-Hecho superado por fallecimiento del paciente \u00a0 Referencia: expediente T-400659 \u00a0 Peticionario: Nury Francedy Toro Pati\u00f1o \u00a0 Magistrado Ponente:\u00a0 \u00a0 Dr. ALFREDO BELTR\u00c1N SIERRA. \u00a0 Bogot\u00e1, D.C., febrero ocho (8) de dos mil uno (2001). \u00a0 La Sala Segunda de Revisi\u00f3n de la Corte Constitucional, integrada por los magistrados, Alfredo Beltr\u00e1n Sierra, Manuel Jos\u00e9 Cepeda Espinosa y Carlos Gaviria D\u00edaz, en ejercicio de sus competencias constitucionales y legales, ha proferido la siguiente : \u00a0 SENTENCIA \u00a0 El expediente lleg\u00f3 a la Corte Constitucional, por remisi\u00f3n que se hizo en virtud de lo ordenado ...<br \/><div class=\"pt-cv-rmwrap\"><a href=\"https:\/\/www.dmsjuridica.com\/buscador_20179478954\/corteconstitucionalcronologico202454587\/t-148-01\/\" class=\"_self pt-cv-readmore btn btn-success\" target=\"_self\">Ver Sentencia Completa...<\/a><\/div><\/div><\/div><\/div>\n<div class=\"col-md-12 col-sm-12 col-xs-12 pt-cv-content-item pt-cv-1-col\" ><div class='pt-cv-ifield'><a href=\"https:\/\/www.dmsjuridica.com\/buscador_20179478954\/corteconstitucionalcronologico202454587\/t-139-01\/\" class=\"_self pt-cv-href-thumbnail pt-cv-thumb-default\" target=\"_self\" ><\/a>\n<div class=\"pt-cv-taxoterm above_title\"><a href='https:\/\/www.dmsjuridica.com\/buscador_20179478954\/corteconstitucionalcronologico202454587\/category\/buscar-en-toda-la-corte\/2001\/tutelas-2001\/' title='Tutelas 2001' class='pt-cv-tax-tutelas-2001'>Tutelas 2001<\/a><\/div>\n<h4 class=\"pt-cv-title\"><a href=\"https:\/\/www.dmsjuridica.com\/buscador_20179478954\/corteconstitucionalcronologico202454587\/t-139-01\/\" class=\"_self\" target=\"_self\" >T-139-01<\/a><\/h4>\n<div class=\"pt-cv-content\">\u00a0 \u00a0 Sentencia T-139\/01 \u00a0 DERECHO A LA VIDA DIGNA DEL PENSIONADO-Pago oportuno de mesadas por compa\u00f1\u00eda de inversiones de Flota Mercante \u00a0 EMPLEADOR-Inexistencia de negligencia en crisis econ\u00f3mica o presupuestal no exime el pago de mesadas pensionales \u00a0 CONMUTACION PENSIONAL-Dilataci\u00f3n por compa\u00f1\u00eda de inversiones de Flota Mercante que afecta derechos de jubilados \u00a0 Reiteraci\u00f3n de la jurisprudencia \u00a0 Acciones de tutela contra la Compa\u00f1\u00eda de Inversiones de la Flota Mercante S.A. en liquidaci\u00f3n obligatoria, por una presunta violaci\u00f3n de los derechos al trabajo, la igualdad, la seguridad social y la vida. \u00a0 Tema: \u00a0 Las \u00f3rdenes que la Corte ...<br \/><div class=\"pt-cv-rmwrap\"><a href=\"https:\/\/www.dmsjuridica.com\/buscador_20179478954\/corteconstitucionalcronologico202454587\/t-139-01\/\" class=\"_self pt-cv-readmore btn btn-success\" target=\"_self\">Ver Sentencia Completa...<\/a><\/div><\/div><\/div><\/div>\n<div class=\"col-md-12 col-sm-12 col-xs-12 pt-cv-content-item pt-cv-1-col\" ><div class='pt-cv-ifield'><a href=\"https:\/\/www.dmsjuridica.com\/buscador_20179478954\/corteconstitucionalcronologico202454587\/t-138-01\/\" class=\"_self pt-cv-href-thumbnail pt-cv-thumb-default\" target=\"_self\" ><\/a>\n<div class=\"pt-cv-taxoterm above_title\"><a href='https:\/\/www.dmsjuridica.com\/buscador_20179478954\/corteconstitucionalcronologico202454587\/category\/buscar-en-toda-la-corte\/2001\/tutelas-2001\/' title='Tutelas 2001' class='pt-cv-tax-tutelas-2001'>Tutelas 2001<\/a><\/div>\n<h4 class=\"pt-cv-title\"><a href=\"https:\/\/www.dmsjuridica.com\/buscador_20179478954\/corteconstitucionalcronologico202454587\/t-138-01\/\" class=\"_self\" target=\"_self\" >T-138-01<\/a><\/h4>\n<div class=\"pt-cv-content\">\u00a0 \u00a0 Sentencia T-138\/01 \u00a0 RESERVA MORAL-Alcance\/RESERVA MORAL-Motivaci\u00f3n \u00a0 ACCION DE TUTELA-Carencia actual de objeto \u00a0 Referencia: expediente T-371.424 \u00a0 Acci\u00f3n de tutela contra la Superintendencia Bancaria por una presunta violaci\u00f3n de los derechos al debido proceso, al buen nombre, a la honra y al honor, al trabajo y al principio de la buena fe. \u00a0 Tema: \u00a0 Reserva moral. \u00a0 Magistrado Ponente:\u00a0 \u00a0 Dr. CARLOS GAVIRIA D\u00cdAZ \u00a0 Bogot\u00e1 D.C., siete (7) de febrero del a\u00f1o dos mil uno (2001). \u00a0 La Sala Cuarta de Revisi\u00f3n de Tutelas de la Corte Constitucional, compuesta por los Magistrados Jos\u00e9 Gregorio Hern\u00e1ndez ...<br \/><div class=\"pt-cv-rmwrap\"><a href=\"https:\/\/www.dmsjuridica.com\/buscador_20179478954\/corteconstitucionalcronologico202454587\/t-138-01\/\" class=\"_self pt-cv-readmore btn btn-success\" target=\"_self\">Ver Sentencia Completa...<\/a><\/div><\/div><\/div><\/div>\n<div class=\"col-md-12 col-sm-12 col-xs-12 pt-cv-content-item pt-cv-1-col\" ><div class='pt-cv-ifield'><a href=\"https:\/\/www.dmsjuridica.com\/buscador_20179478954\/corteconstitucionalcronologico202454587\/t-137-01\/\" class=\"_self pt-cv-href-thumbnail pt-cv-thumb-default\" target=\"_self\" ><\/a>\n<div class=\"pt-cv-taxoterm above_title\"><a href='https:\/\/www.dmsjuridica.com\/buscador_20179478954\/corteconstitucionalcronologico202454587\/category\/buscar-en-toda-la-corte\/2001\/tutelas-2001\/' title='Tutelas 2001' class='pt-cv-tax-tutelas-2001'>Tutelas 2001<\/a><\/div>\n<h4 class=\"pt-cv-title\"><a href=\"https:\/\/www.dmsjuridica.com\/buscador_20179478954\/corteconstitucionalcronologico202454587\/t-137-01\/\" class=\"_self\" target=\"_self\" >T-137-01<\/a><\/h4>\n<div class=\"pt-cv-content\">\u00a0 \u00a0 Sentencia T-137\/01 \u00a0 ACCION DE TUTELA-Procedencia por falta de idoneidad del medio judicial\/PERJUICIO IRREMEDIABLE-Procedencia transitoria de tutela \u00a0 ACCION DE TUTELA EN MATERIA LABORAL-Improcedencia general \u00a0 ACCION DE TUTELA-Improcedencia por inexistencia de discriminaci\u00f3n alegada por el actor \u00a0 Reiteraci\u00f3n de la jurisprudencia \u00a0 Acci\u00f3n de tutela contra la Universidad Libre de Colombia, Seccional C\u00facuta, por una presunta violaci\u00f3n de los derechos a la igualdad y el trabajo. \u00a0 Tema: \u00a0 Improcedencia de la tutela para perseguir el cobro de obligaciones de origen laboral. \u00a0 Actor: Felix Arturo Parra Mac\u00edas \u00a0 Magistrado Ponente:\u00a0 \u00a0 Dr. CARLOS GAVIRIA D\u00cdAZ \u00a0 ...<br \/><div class=\"pt-cv-rmwrap\"><a href=\"https:\/\/www.dmsjuridica.com\/buscador_20179478954\/corteconstitucionalcronologico202454587\/t-137-01\/\" class=\"_self pt-cv-readmore btn btn-success\" target=\"_self\">Ver Sentencia Completa...<\/a><\/div><\/div><\/div><\/div>\n<div class=\"col-md-12 col-sm-12 col-xs-12 pt-cv-content-item pt-cv-1-col\" ><div class='pt-cv-ifield'><a href=\"https:\/\/www.dmsjuridica.com\/buscador_20179478954\/corteconstitucionalcronologico202454587\/t-136-01\/\" class=\"_self pt-cv-href-thumbnail pt-cv-thumb-default\" target=\"_self\" ><\/a>\n<div class=\"pt-cv-taxoterm above_title\"><a href='https:\/\/www.dmsjuridica.com\/buscador_20179478954\/corteconstitucionalcronologico202454587\/category\/buscar-en-toda-la-corte\/2001\/tutelas-2001\/' title='Tutelas 2001' class='pt-cv-tax-tutelas-2001'>Tutelas 2001<\/a><\/div>\n<h4 class=\"pt-cv-title\"><a href=\"https:\/\/www.dmsjuridica.com\/buscador_20179478954\/corteconstitucionalcronologico202454587\/t-136-01\/\" class=\"_self\" target=\"_self\" >T-136-01<\/a><\/h4>\n<div class=\"pt-cv-content\">\u00a0 \u00a0 Sentencia T-136\/01 \u00a0 BONOS PENSIONALES-Expedici\u00f3n y emisi\u00f3n \u00a0 PENSION DE JUBILACION-No puede negarse si el bono pensional no ha sido obtenido \u00a0 Reiteraci\u00f3n de la jurisprudencia \u00a0 Referencia: expediente T-376.103 \u00a0 Acci\u00f3n de tutela contra el Departamento de Boyac\u00e1 por una presunta violaci\u00f3n de los derechos a la vida, de igualdad, de petici\u00f3n y a la seguridad social. \u00a0 Tema: \u00a0 Bono pensional. \u00a0 Actora: Beatriz Carrillo de Ruiz\u00a0 \u00a0 Magistrado Ponente:\u00a0 \u00a0 Dr. CARLOS GAVIRIA D\u00cdAZ \u00a0 Bogot\u00e1 D.C., siete (7) de febrero del a\u00f1o dos mil uno (2001). \u00a0 La Sala Cuarta de Revisi\u00f3n de Tutelas ...<br \/><div class=\"pt-cv-rmwrap\"><a href=\"https:\/\/www.dmsjuridica.com\/buscador_20179478954\/corteconstitucionalcronologico202454587\/t-136-01\/\" class=\"_self pt-cv-readmore btn btn-success\" target=\"_self\">Ver Sentencia Completa...<\/a><\/div><\/div><\/div><\/div>\n<div class=\"col-md-12 col-sm-12 col-xs-12 pt-cv-content-item pt-cv-1-col\" ><div class='pt-cv-ifield'><a href=\"https:\/\/www.dmsjuridica.com\/buscador_20179478954\/corteconstitucionalcronologico202454587\/t-135-01\/\" class=\"_self pt-cv-href-thumbnail pt-cv-thumb-default\" target=\"_self\" ><\/a>\n<div class=\"pt-cv-taxoterm above_title\"><a href='https:\/\/www.dmsjuridica.com\/buscador_20179478954\/corteconstitucionalcronologico202454587\/category\/buscar-en-toda-la-corte\/2001\/tutelas-2001\/' title='Tutelas 2001' class='pt-cv-tax-tutelas-2001'>Tutelas 2001<\/a><\/div>\n<h4 class=\"pt-cv-title\"><a href=\"https:\/\/www.dmsjuridica.com\/buscador_20179478954\/corteconstitucionalcronologico202454587\/t-135-01\/\" class=\"_self\" target=\"_self\" >T-135-01<\/a><\/h4>\n<div class=\"pt-cv-content\">\u00a0 \u00a0 Sentencia T-135\/01 \u00a0 DERECHO DE PETICION-N\u00facleo esencial\/DERECHO DE PETICION EN VIA GUBERNATIVA-Resoluci\u00f3n de recursos \u00a0 Reiteraci\u00f3n de la jurisprudencia \u00a0 Referencia: expediente T-374.403 \u00a0 Acci\u00f3n de tutela contra el Instituto de Seguros Sociales por una presunta violaci\u00f3n de los derechos a la igualdad, al sustento m\u00ednimo vital y de petici\u00f3n. \u00a0 Tema: \u00a0 Derecho de petici\u00f3n. \u00a0 Magistrado Ponente:\u00a0 \u00a0 Dr. Carlos Gaviria D\u00edaz \u00a0 Bogot\u00e1 D.C., siete (7) de febrero del a\u00f1o dos mil uno (2001). \u00a0 La Sala Cuarta de Revisi\u00f3n de Tutelas de la Corte Constitucional, compuesta por los Magistrados Jos\u00e9 Gregorio Hern\u00e1ndez Galindo, Alejandro ...<br \/><div class=\"pt-cv-rmwrap\"><a href=\"https:\/\/www.dmsjuridica.com\/buscador_20179478954\/corteconstitucionalcronologico202454587\/t-135-01\/\" class=\"_self pt-cv-readmore btn btn-success\" target=\"_self\">Ver Sentencia Completa...<\/a><\/div><\/div><\/div><\/div>\n<div class=\"col-md-12 col-sm-12 col-xs-12 pt-cv-content-item pt-cv-1-col\" ><div class='pt-cv-ifield'><a href=\"https:\/\/www.dmsjuridica.com\/buscador_20179478954\/corteconstitucionalcronologico202454587\/t-1346-01\/\" class=\"_self pt-cv-href-thumbnail pt-cv-thumb-default\" target=\"_self\" ><\/a>\n<div class=\"pt-cv-taxoterm above_title\"><a href='https:\/\/www.dmsjuridica.com\/buscador_20179478954\/corteconstitucionalcronologico202454587\/category\/buscar-en-toda-la-corte\/2001\/tutelas-2001\/' title='Tutelas 2001' class='pt-cv-tax-tutelas-2001'>Tutelas 2001<\/a><\/div>\n<h4 class=\"pt-cv-title\"><a href=\"https:\/\/www.dmsjuridica.com\/buscador_20179478954\/corteconstitucionalcronologico202454587\/t-1346-01\/\" class=\"_self\" target=\"_self\" >T-1346-01<\/a><\/h4>\n<div class=\"pt-cv-content\">\u00a0 \u00a0 Sentencia T-1346\/01 \u00a0 DESPLAZADOS INTERNOS-Concepto \u00a0 Sin entrar a desconocer los diferentes criterios que en relaci\u00f3n con el concepto de \u201cdesplazados internos\u201d han sido expresados por las distintas organizaciones nacionales \u00a0e internacionales \u00a0que se ocupan del tema, \u00a0de conformidad con lo preceptuado en la ley y la jurisprudencia constitucional, puede afirmarse que se encuentra en condici\u00f3n de desplazado toda persona que se ve obligada a abandonar intempestivamente su lugar de residencia y sus actividades econ\u00f3micas habituales, debiendo migrar a otro lugar dentro de las fronteras del territorio nacional, por causas imputables a la existencia de un conflicto armado ...<br \/><div class=\"pt-cv-rmwrap\"><a href=\"https:\/\/www.dmsjuridica.com\/buscador_20179478954\/corteconstitucionalcronologico202454587\/t-1346-01\/\" class=\"_self pt-cv-readmore btn btn-success\" target=\"_self\">Ver Sentencia Completa...<\/a><\/div><\/div><\/div><\/div>\n<div class=\"col-md-12 col-sm-12 col-xs-12 pt-cv-content-item pt-cv-1-col\" ><div class='pt-cv-ifield'><a href=\"https:\/\/www.dmsjuridica.com\/buscador_20179478954\/corteconstitucionalcronologico202454587\/t-1345-01\/\" class=\"_self pt-cv-href-thumbnail pt-cv-thumb-default\" target=\"_self\" ><\/a>\n<div class=\"pt-cv-taxoterm above_title\"><a href='https:\/\/www.dmsjuridica.com\/buscador_20179478954\/corteconstitucionalcronologico202454587\/category\/buscar-en-toda-la-corte\/2001\/tutelas-2001\/' title='Tutelas 2001' class='pt-cv-tax-tutelas-2001'>Tutelas 2001<\/a><\/div>\n<h4 class=\"pt-cv-title\"><a href=\"https:\/\/www.dmsjuridica.com\/buscador_20179478954\/corteconstitucionalcronologico202454587\/t-1345-01\/\" class=\"_self\" target=\"_self\" >T-1345-01<\/a><\/h4>\n<div class=\"pt-cv-content\">\u00a0 \u00a0 Sentencia T-1345\/01 \u00a0 TRASLADO DE INTERNO-Inpec debe resolver solicitud y notificar legalmente \u00a0 Contrario a lo manifestado por la Direcci\u00f3n General del INPEC, Grupo Tutelas, el actor s\u00ed formul\u00f3 solicitud de traslado y \u00e9sta fue remitida mediante oficio del 22 de mayo a la Junta de Traslados de la Direcci\u00f3n General del INPEC en Bogot\u00e1 D.C.. Sin embargo, dicho oficio fue devuelto nuevamente por la Oficina Jur\u00eddica, Asuntos Penitenciarios a la Penitenciaria Nacional San Isidro de Popay\u00e1n, aduciendo que el INPEC carece de los medios econ\u00f3micos para la realizaci\u00f3n de \"traslados por acercamiento familiar\". La anterior situaci\u00f3n denota ...<br \/><div class=\"pt-cv-rmwrap\"><a href=\"https:\/\/www.dmsjuridica.com\/buscador_20179478954\/corteconstitucionalcronologico202454587\/t-1345-01\/\" class=\"_self pt-cv-readmore btn btn-success\" target=\"_self\">Ver Sentencia Completa...<\/a><\/div><\/div><\/div><\/div>\n<div class=\"col-md-12 col-sm-12 col-xs-12 pt-cv-content-item pt-cv-1-col\" ><div class='pt-cv-ifield'><a href=\"https:\/\/www.dmsjuridica.com\/buscador_20179478954\/corteconstitucionalcronologico202454587\/t-1344-01\/\" class=\"_self pt-cv-href-thumbnail pt-cv-thumb-default\" target=\"_self\" ><\/a>\n<div class=\"pt-cv-taxoterm above_title\"><a href='https:\/\/www.dmsjuridica.com\/buscador_20179478954\/corteconstitucionalcronologico202454587\/category\/buscar-en-toda-la-corte\/2001\/tutelas-2001\/' title='Tutelas 2001' class='pt-cv-tax-tutelas-2001'>Tutelas 2001<\/a><\/div>\n<h4 class=\"pt-cv-title\"><a href=\"https:\/\/www.dmsjuridica.com\/buscador_20179478954\/corteconstitucionalcronologico202454587\/t-1344-01\/\" class=\"_self\" target=\"_self\" >T-1344-01<\/a><\/h4>\n<div class=\"pt-cv-content\">\u00a0 \u00a0 Sentencia T-1344\/01 \u00a0 DERECHO A LA SALUD-Entrega por parte de EPS de bolsas de colostom\u00eda \u00a0 La necesidad de las bolsas de colostom\u00eda no es un mero capricho de la actora, sino que hace parte del tratamiento que el m\u00e9dico considera conveniente seguir. Sobre la base del criterio cient\u00edfico del profesional de la salud, la Sala estima pertinente acotar que la peticionaria tiene el derecho a que se le brinde la totalidad del tratamiento en la forma prescrita. \u00a0 Reiteraci\u00f3n de Jurisprudencia \u00a0 Referencia: expediente T-506569 \u00a0 Acci\u00f3n de tutela instaurada por Erika Espitia Noble contra SaludCoop E.P.S ...<br \/><div class=\"pt-cv-rmwrap\"><a href=\"https:\/\/www.dmsjuridica.com\/buscador_20179478954\/corteconstitucionalcronologico202454587\/t-1344-01\/\" class=\"_self pt-cv-readmore btn btn-success\" target=\"_self\">Ver Sentencia Completa...<\/a><\/div><\/div><\/div><\/div>\n<div class=\"col-md-12 col-sm-12 col-xs-12 pt-cv-content-item pt-cv-1-col\" ><div class='pt-cv-ifield'><a href=\"https:\/\/www.dmsjuridica.com\/buscador_20179478954\/corteconstitucionalcronologico202454587\/t-1343-01\/\" class=\"_self pt-cv-href-thumbnail pt-cv-thumb-default\" target=\"_self\" ><\/a>\n<div class=\"pt-cv-taxoterm above_title\"><a href='https:\/\/www.dmsjuridica.com\/buscador_20179478954\/corteconstitucionalcronologico202454587\/category\/buscar-en-toda-la-corte\/2001\/tutelas-2001\/' title='Tutelas 2001' class='pt-cv-tax-tutelas-2001'>Tutelas 2001<\/a><\/div>\n<h4 class=\"pt-cv-title\"><a href=\"https:\/\/www.dmsjuridica.com\/buscador_20179478954\/corteconstitucionalcronologico202454587\/t-1343-01\/\" class=\"_self\" target=\"_self\" >T-1343-01<\/a><\/h4>\n<div class=\"pt-cv-content\">\u00a0 \u00a0 Sentencia T-1343\/01 \u00a0 ACCION DE TUTELA CONTRA PROVIDENCIAS JUDICIALES-Procedencia excepcional \u00a0 ACCION DE TUTELA-Improcedencia frente a procesos en tr\u00e1mite o ya extinguidos \u00a0 La acci\u00f3n de tutela \u00a0no es procedente frente a procesos en tr\u00e1mite o ya extinguidos en los cuales el ordenamiento jur\u00eddico tiene establecido medios de defensa judiciales id\u00f3neos y eficaces para asegurar la protecci\u00f3n del los derechos y las garant\u00edas fundamentales, pues en el evento de desconocer esta situaci\u00f3n, se estar\u00eda quebrantando el mandato del art\u00edculo 86 superior y desnaturalizando la figura de la acci\u00f3n de tutela. \u00a0 PRINCIPIO DE LEGALIDAD-Regulaci\u00f3n normativa\/PRINCIPIO DE FAVORABILIDAD PENAL-Aplicaci\u00f3n ...<br \/><div class=\"pt-cv-rmwrap\"><a href=\"https:\/\/www.dmsjuridica.com\/buscador_20179478954\/corteconstitucionalcronologico202454587\/t-1343-01\/\" class=\"_self pt-cv-readmore btn btn-success\" target=\"_self\">Ver Sentencia Completa...<\/a><\/div><\/div><\/div><\/div>\n<div class=\"col-md-12 col-sm-12 col-xs-12 pt-cv-content-item pt-cv-1-col\" ><div class='pt-cv-ifield'><a href=\"https:\/\/www.dmsjuridica.com\/buscador_20179478954\/corteconstitucionalcronologico202454587\/t-1342-01\/\" class=\"_self pt-cv-href-thumbnail pt-cv-thumb-default\" target=\"_self\" ><\/a>\n<div class=\"pt-cv-taxoterm above_title\"><a href='https:\/\/www.dmsjuridica.com\/buscador_20179478954\/corteconstitucionalcronologico202454587\/category\/buscar-en-toda-la-corte\/2001\/tutelas-2001\/' title='Tutelas 2001' class='pt-cv-tax-tutelas-2001'>Tutelas 2001<\/a><\/div>\n<h4 class=\"pt-cv-title\"><a href=\"https:\/\/www.dmsjuridica.com\/buscador_20179478954\/corteconstitucionalcronologico202454587\/t-1342-01\/\" class=\"_self\" target=\"_self\" >T-1342-01<\/a><\/h4>\n<div class=\"pt-cv-content\">\u00a0 \u00a0 Sentencia T-1342\/01 \u00a0 DERECHO A LA FILIACION Y PRUEBA GENETICA-Obligaci\u00f3n de pr\u00e1ctica de prueba ordenada \u00a0 En raz\u00f3n de lo prevalente que resulta para el Estado social de derecho, de cara a las consideraciones de orden puramente procesal relativas a la actividad e inactividad de las partes, el esclarecimiento de la verdadera filiaci\u00f3n, con miras a hacer efectivos los derechos y las obligaciones paterno-filiales la Sala concluye que el decreto y la pr\u00e1ctica de las pruebas gen\u00e9ticas, en los procesos de investigaci\u00f3n de la maternidad y de la paternidad, en cuanto conducen a la exclusi\u00f3n, con certeza absoluta ...<br \/><div class=\"pt-cv-rmwrap\"><a href=\"https:\/\/www.dmsjuridica.com\/buscador_20179478954\/corteconstitucionalcronologico202454587\/t-1342-01\/\" class=\"_self pt-cv-readmore btn btn-success\" target=\"_self\">Ver Sentencia Completa...<\/a><\/div><\/div><\/div><\/div>\n<div class=\"col-md-12 col-sm-12 col-xs-12 pt-cv-content-item pt-cv-1-col\" ><div class='pt-cv-ifield'><a href=\"https:\/\/www.dmsjuridica.com\/buscador_20179478954\/corteconstitucionalcronologico202454587\/t-1341-01\/\" class=\"_self pt-cv-href-thumbnail pt-cv-thumb-default\" target=\"_self\" ><\/a>\n<div class=\"pt-cv-taxoterm above_title\"><a href='https:\/\/www.dmsjuridica.com\/buscador_20179478954\/corteconstitucionalcronologico202454587\/category\/buscar-en-toda-la-corte\/2001\/tutelas-2001\/' title='Tutelas 2001' class='pt-cv-tax-tutelas-2001'>Tutelas 2001<\/a><\/div>\n<h4 class=\"pt-cv-title\"><a href=\"https:\/\/www.dmsjuridica.com\/buscador_20179478954\/corteconstitucionalcronologico202454587\/t-1341-01\/\" class=\"_self\" target=\"_self\" >T-1341-01<\/a><\/h4>\n<div class=\"pt-cv-content\">\u00a0 \u00a0 Sentencia T-1341\/01 \u00a0 DEBIDO PROCESO ADMINISTRATIVO-Alcance \u00a0 Dentro del campo de las actuaciones administrativas \u201cel debido proceso es exigente en materia de legalidad, ya que no solamente pretende que el servidor p\u00fablico cumpla las funciones asignadas, sino adem\u00e1s que lo haga en la forma como determina el ordenamiento jur\u00eddico\u201d. Efectivamente, las actuaciones de la Administraci\u00f3n son esencialmente regladas y est\u00e1n sujetas a dicho principio de legalidad. El poder de actuaci\u00f3n y decisi\u00f3n con que ella cuenta no puede utilizarse sin que exista una expresa atribuci\u00f3n competencial; de no ser as\u00ed, se atentar\u00eda contra el inter\u00e9s general, los fines ...<br \/><div class=\"pt-cv-rmwrap\"><a href=\"https:\/\/www.dmsjuridica.com\/buscador_20179478954\/corteconstitucionalcronologico202454587\/t-1341-01\/\" class=\"_self pt-cv-readmore btn btn-success\" target=\"_self\">Ver Sentencia Completa...<\/a><\/div><\/div><\/div><\/div>\n<div class=\"col-md-12 col-sm-12 col-xs-12 pt-cv-content-item pt-cv-1-col\" ><div class='pt-cv-ifield'><a href=\"https:\/\/www.dmsjuridica.com\/buscador_20179478954\/corteconstitucionalcronologico202454587\/t-1340-01\/\" class=\"_self pt-cv-href-thumbnail pt-cv-thumb-default\" target=\"_self\" ><\/a>\n<div class=\"pt-cv-taxoterm above_title\"><a href='https:\/\/www.dmsjuridica.com\/buscador_20179478954\/corteconstitucionalcronologico202454587\/category\/buscar-en-toda-la-corte\/2001\/tutelas-2001\/' title='Tutelas 2001' class='pt-cv-tax-tutelas-2001'>Tutelas 2001<\/a><\/div>\n<h4 class=\"pt-cv-title\"><a href=\"https:\/\/www.dmsjuridica.com\/buscador_20179478954\/corteconstitucionalcronologico202454587\/t-1340-01\/\" class=\"_self\" target=\"_self\" >T-1340-01<\/a><\/h4>\n<div class=\"pt-cv-content\">\u00a0 \u00a0 Sentencia T-1340\/01 \u00a0 CUPOS ESPECIALES DE ACCESO A UNIVERSIDAD-Procedencia de la tutela \u00a0 La tutela es un instrumento procesal id\u00f3neo para reclamar por parte de los interesados la asignaci\u00f3n de cupos especiales, cuando se estima que eventualmente en la selecci\u00f3n y asignaci\u00f3n de los mismos, se hayan violado derechos fundamentales de los aspirantes a ingresar, por parte de los centros de educaci\u00f3n superior. \u00a0 \u00a0 CUPOS ESPECIALES DE ACCESO A UNIVERSIDAD DE MIEMBROS DE COMUNIDADES INDIGENAS-Constitucionalidad \u00a0 La Constituci\u00f3n de 1991, estableci\u00f3 una protecci\u00f3n especial del Estado a favor de la comunidad ind\u00edgena, mediante \u00e9sta, se concede a ...<br \/><div class=\"pt-cv-rmwrap\"><a href=\"https:\/\/www.dmsjuridica.com\/buscador_20179478954\/corteconstitucionalcronologico202454587\/t-1340-01\/\" class=\"_self pt-cv-readmore btn btn-success\" target=\"_self\">Ver Sentencia Completa...<\/a><\/div><\/div><\/div><\/div>\n<div class=\"col-md-12 col-sm-12 col-xs-12 pt-cv-content-item pt-cv-1-col\" ><div class='pt-cv-ifield'><a href=\"https:\/\/www.dmsjuridica.com\/buscador_20179478954\/corteconstitucionalcronologico202454587\/t-134-01\/\" class=\"_self pt-cv-href-thumbnail pt-cv-thumb-default\" target=\"_self\" ><\/a>\n<div class=\"pt-cv-taxoterm above_title\"><a href='https:\/\/www.dmsjuridica.com\/buscador_20179478954\/corteconstitucionalcronologico202454587\/category\/buscar-en-toda-la-corte\/2001\/tutelas-2001\/' title='Tutelas 2001' class='pt-cv-tax-tutelas-2001'>Tutelas 2001<\/a><\/div>\n<h4 class=\"pt-cv-title\"><a href=\"https:\/\/www.dmsjuridica.com\/buscador_20179478954\/corteconstitucionalcronologico202454587\/t-134-01\/\" class=\"_self\" target=\"_self\" >T-134-01<\/a><\/h4>\n<div class=\"pt-cv-content\">\u00a0 \u00a0 Sentencia T-134\/01 \u00a0 DERECHO A LA SALUD DEL NI\u00d1O-Procedencia de tutela para tratamiento integral de beneficiario \u00a0 NI\u00d1O DISCAPACITADO-Protecci\u00f3n en salud \u00a0 INAPLICACION DE NORMAS DEL PLAN OBLIGATORIO DE SALUD-Suministro de aud\u00edfonos por EPS \u00a0 DERECHO A LA SALUD Y A LA VIDA DEL NI\u00d1O-Suministro de aud\u00edfonos excluidos del manual de actividades, intervenciones y procedimientos\/ENTIDAD PROMOTORA DE SALUD-Repetici\u00f3n contra el FOSYGA \u00a0 Reiteraci\u00f3n de la jurisprudencia \u00a0 Referencia: expediente T-377.966 \u00a0 Acci\u00f3n de tutela contra SaludCoop EPA OC en Riohacha por una presunta violaci\u00f3n de los derechos de los ni\u00f1os, en especial, los derechos a la vida, a ...<br \/><div class=\"pt-cv-rmwrap\"><a href=\"https:\/\/www.dmsjuridica.com\/buscador_20179478954\/corteconstitucionalcronologico202454587\/t-134-01\/\" class=\"_self pt-cv-readmore btn btn-success\" target=\"_self\">Ver Sentencia Completa...<\/a><\/div><\/div><\/div><\/div>\n<div class=\"col-md-12 col-sm-12 col-xs-12 pt-cv-content-item pt-cv-1-col\" ><div class='pt-cv-ifield'><a href=\"https:\/\/www.dmsjuridica.com\/buscador_20179478954\/corteconstitucionalcronologico202454587\/t-1338-01\/\" class=\"_self pt-cv-href-thumbnail pt-cv-thumb-default\" target=\"_self\" ><\/a>\n<div class=\"pt-cv-taxoterm above_title\"><a href='https:\/\/www.dmsjuridica.com\/buscador_20179478954\/corteconstitucionalcronologico202454587\/category\/buscar-en-toda-la-corte\/2001\/tutelas-2001\/' title='Tutelas 2001' class='pt-cv-tax-tutelas-2001'>Tutelas 2001<\/a><\/div>\n<h4 class=\"pt-cv-title\"><a href=\"https:\/\/www.dmsjuridica.com\/buscador_20179478954\/corteconstitucionalcronologico202454587\/t-1338-01\/\" class=\"_self\" target=\"_self\" >T-1338-01<\/a><\/h4>\n<div class=\"pt-cv-content\">\u00a0 \u00a0 Sentencia T-1338\/01 \u00a0 ACCION DE TUTELA-Procedencia excepcional pago de acreencias laborales \u00a0 SALARIO-Derecho inalienable \u00a0 DERECHO AL PAGO OPORTUNO DEL SALARIO-Fundamental\/DERECHO AL MINIMO VITAL DEL TRABAJADOR-Pago oportuno de salarios \u00a0 ACCION DE TUTELA-Procedencia excepcional pago de salarios a persona desvinculada por afectaci\u00f3n del m\u00ednimo vital \u00a0 EMPLEADOR-Situaci\u00f3n econ\u00f3mica o presupuestal no es \u00f3bice para desconocer obligaciones laborales \u00a0 EMPLEADOR-Asunci\u00f3n de responsabilidad por no pago de aportes en salud \u00a0 PROCESO DE LIQUIDACION OBLIGATORIA-Pago preferente de salarios \u00a0 Reiteraci\u00f3n de Jurisprudencia \u00a0 Referencia: expediente T-445406 \u00a0 Acci\u00f3n de tutela instaurada por Dora Elisa Gonz\u00e1lez Carmona y otros contra la ...<br \/><div class=\"pt-cv-rmwrap\"><a href=\"https:\/\/www.dmsjuridica.com\/buscador_20179478954\/corteconstitucionalcronologico202454587\/t-1338-01\/\" class=\"_self pt-cv-readmore btn btn-success\" target=\"_self\">Ver Sentencia Completa...<\/a><\/div><\/div><\/div><\/div>\n<div class=\"col-md-12 col-sm-12 col-xs-12 pt-cv-content-item pt-cv-1-col\" ><div class='pt-cv-ifield'><a href=\"https:\/\/www.dmsjuridica.com\/buscador_20179478954\/corteconstitucionalcronologico202454587\/t-1337-01\/\" class=\"_self pt-cv-href-thumbnail pt-cv-thumb-default\" target=\"_self\" ><\/a>\n<div class=\"pt-cv-taxoterm above_title\"><a href='https:\/\/www.dmsjuridica.com\/buscador_20179478954\/corteconstitucionalcronologico202454587\/category\/buscar-en-toda-la-corte\/2001\/tutelas-2001\/' title='Tutelas 2001' class='pt-cv-tax-tutelas-2001'>Tutelas 2001<\/a><\/div>\n<h4 class=\"pt-cv-title\"><a href=\"https:\/\/www.dmsjuridica.com\/buscador_20179478954\/corteconstitucionalcronologico202454587\/t-1337-01\/\" class=\"_self\" target=\"_self\" >T-1337-01<\/a><\/h4>\n<div class=\"pt-cv-content\">\u00a0 \u00a0 Sentencia T-1337\/01 \u00a0 DEMOCRACIA PARTICIPATIVA-Alcance \u00a0 La Constituci\u00f3n de 1991 hace un tr\u00e1nsito de una democracia representativa a una participativa, con lo cual ampl\u00eda el espacio de intervenci\u00f3n de los ciudadanos. La Carta brinda nuevas opciones y posibilidades para tomar parte en las decisiones y en los procesos pol\u00edticos de la sociedad a trav\u00e9s de la consagraci\u00f3n de una amplia gama de derechos pol\u00edticos. La idea de ciudadan\u00eda ha cambiado con la democracia participativa. \u00c9sta opta porque la injerencia de los ciudadanos no quede reducida \u00fanicamente a la votaci\u00f3n cada cierto tiempo, sino que amplia la participaci\u00f3n a ...<br \/><div class=\"pt-cv-rmwrap\"><a href=\"https:\/\/www.dmsjuridica.com\/buscador_20179478954\/corteconstitucionalcronologico202454587\/t-1337-01\/\" class=\"_self pt-cv-readmore btn btn-success\" target=\"_self\">Ver Sentencia Completa...<\/a><\/div><\/div><\/div><\/div>\n<div class=\"col-md-12 col-sm-12 col-xs-12 pt-cv-content-item pt-cv-1-col\" ><div class='pt-cv-ifield'><a href=\"https:\/\/www.dmsjuridica.com\/buscador_20179478954\/corteconstitucionalcronologico202454587\/t-1336-01\/\" class=\"_self pt-cv-href-thumbnail pt-cv-thumb-default\" target=\"_self\" ><\/a>\n<div class=\"pt-cv-taxoterm above_title\"><a href='https:\/\/www.dmsjuridica.com\/buscador_20179478954\/corteconstitucionalcronologico202454587\/category\/buscar-en-toda-la-corte\/2001\/tutelas-2001\/' title='Tutelas 2001' class='pt-cv-tax-tutelas-2001'>Tutelas 2001<\/a><\/div>\n<h4 class=\"pt-cv-title\"><a href=\"https:\/\/www.dmsjuridica.com\/buscador_20179478954\/corteconstitucionalcronologico202454587\/t-1336-01\/\" class=\"_self\" target=\"_self\" >T-1336-01<\/a><\/h4>\n<div class=\"pt-cv-content\">\u00a0 \u00a0 Sentencia T-1336\/01 \u00a0 DERECHO A LA EDUCACION DE MAYOR DE EDAD-No hay violaci\u00f3n por no adecuado cubrimiento del servicio\/GASTO PUBLICO SOCIAL EN EDUCACION-No incluye educaci\u00f3n no formal \u00a0 Se observa que el actor es mayor de edad y la instrucci\u00f3n sobre la cual solicita el amparo no se encuentra incluida dentro de las privilegiadas por el gasto p\u00fablico social del art\u00edculo 356 de la Constituci\u00f3n, dado que se trata de educaci\u00f3n no formal, adicional a la educaci\u00f3n b\u00e1sica definida y regulada en los art\u00edculos 19 y siguientes de la ley 115 de 1994. \u00a0En este orden de ideas, ...<br \/><div class=\"pt-cv-rmwrap\"><a href=\"https:\/\/www.dmsjuridica.com\/buscador_20179478954\/corteconstitucionalcronologico202454587\/t-1336-01\/\" class=\"_self pt-cv-readmore btn btn-success\" target=\"_self\">Ver Sentencia Completa...<\/a><\/div><\/div><\/div><\/div>\n<div class=\"col-md-12 col-sm-12 col-xs-12 pt-cv-content-item pt-cv-1-col\" ><div class='pt-cv-ifield'><a href=\"https:\/\/www.dmsjuridica.com\/buscador_20179478954\/corteconstitucionalcronologico202454587\/t-1335-01\/\" class=\"_self pt-cv-href-thumbnail pt-cv-thumb-default\" target=\"_self\" ><\/a>\n<div class=\"pt-cv-taxoterm above_title\"><a href='https:\/\/www.dmsjuridica.com\/buscador_20179478954\/corteconstitucionalcronologico202454587\/category\/buscar-en-toda-la-corte\/2001\/tutelas-2001\/' title='Tutelas 2001' class='pt-cv-tax-tutelas-2001'>Tutelas 2001<\/a><\/div>\n<h4 class=\"pt-cv-title\"><a href=\"https:\/\/www.dmsjuridica.com\/buscador_20179478954\/corteconstitucionalcronologico202454587\/t-1335-01\/\" class=\"_self\" target=\"_self\" >T-1335-01<\/a><\/h4>\n<div class=\"pt-cv-content\">\u00a0 \u00a0 Sentencia T-1335\/01 \u00a0 ACCION DE TUTELA-Improcedencia para reclamar derechos de car\u00e1cter contractual \u00a0 ACCION DE TUTELA-Procedencia excepcional sobre controversias contractuales \u00a0 PERJUICIO IRREMEDIABLE-Elementos \u00a0 ACCION DE TUTELA-T\u00e9rmino de presentaci\u00f3n\/ACCION DE TUTELA-Inmediatez \u00a0 Debe instaurarse la acci\u00f3n de tutela en un tiempo prudencial, es decir, de manera pronta y eficaz, concomitante o subsiguientemente a las acciones u omisiones que configuran la violaci\u00f3n de derechos fundamentales. Y no esperar un a\u00f1o o m\u00e1s, como ocurre en autos, \u00a0para acudir ante el juez de tutela con el fin de que se ordenen los pagos adeudados por el empleador, pues, evidentemente, se ...<br \/><div class=\"pt-cv-rmwrap\"><a href=\"https:\/\/www.dmsjuridica.com\/buscador_20179478954\/corteconstitucionalcronologico202454587\/t-1335-01\/\" class=\"_self pt-cv-readmore btn btn-success\" target=\"_self\">Ver Sentencia Completa...<\/a><\/div><\/div><\/div><\/div>\n<div class=\"col-md-12 col-sm-12 col-xs-12 pt-cv-content-item pt-cv-1-col\" ><div class='pt-cv-ifield'><a href=\"https:\/\/www.dmsjuridica.com\/buscador_20179478954\/corteconstitucionalcronologico202454587\/t-1334-01\/\" class=\"_self pt-cv-href-thumbnail pt-cv-thumb-default\" target=\"_self\" ><\/a>\n<div class=\"pt-cv-taxoterm above_title\"><a href='https:\/\/www.dmsjuridica.com\/buscador_20179478954\/corteconstitucionalcronologico202454587\/category\/buscar-en-toda-la-corte\/2001\/tutelas-2001\/' title='Tutelas 2001' class='pt-cv-tax-tutelas-2001'>Tutelas 2001<\/a><\/div>\n<h4 class=\"pt-cv-title\"><a href=\"https:\/\/www.dmsjuridica.com\/buscador_20179478954\/corteconstitucionalcronologico202454587\/t-1334-01\/\" class=\"_self\" target=\"_self\" >T-1334-01<\/a><\/h4>\n<div class=\"pt-cv-content\">\u00a0 \u00a0 Sentencia T-1334\/01 \u00a0 FUERO SINDICAL-Definici\u00f3n \u00a0 FUERO SINDICAL-Finalidad \u00a0 Es de la esencia del fuero sindical, el que ning\u00fan trabajador (sea particular o servidor p\u00fablico) amparado por dicha garant\u00eda puede ser despedido, ni desmejorado, ni trasladado sin que previamente se haya procedido a levantar el fuero sindical mediante la solicitud que al efecto debe elevar el empleador ante el juez del trabajo, con la finalidad exclusiva de que este proceda a calificar la existencia de justa causa para el despido, desmejoramiento o traslado. De no ser as\u00ed, la garant\u00eda del fuero sindical resultar\u00eda nugatoria para este tipo de ...<br \/><div class=\"pt-cv-rmwrap\"><a href=\"https:\/\/www.dmsjuridica.com\/buscador_20179478954\/corteconstitucionalcronologico202454587\/t-1334-01\/\" class=\"_self pt-cv-readmore btn btn-success\" target=\"_self\">Ver Sentencia Completa...<\/a><\/div><\/div><\/div><\/div>\n<div class=\"col-md-12 col-sm-12 col-xs-12 pt-cv-content-item pt-cv-1-col\" ><div class='pt-cv-ifield'><a href=\"https:\/\/www.dmsjuridica.com\/buscador_20179478954\/corteconstitucionalcronologico202454587\/t-1333-01\/\" class=\"_self pt-cv-href-thumbnail pt-cv-thumb-default\" target=\"_self\" ><\/a>\n<div class=\"pt-cv-taxoterm above_title\"><a href='https:\/\/www.dmsjuridica.com\/buscador_20179478954\/corteconstitucionalcronologico202454587\/category\/buscar-en-toda-la-corte\/2001\/tutelas-2001\/' title='Tutelas 2001' class='pt-cv-tax-tutelas-2001'>Tutelas 2001<\/a><\/div>\n<h4 class=\"pt-cv-title\"><a href=\"https:\/\/www.dmsjuridica.com\/buscador_20179478954\/corteconstitucionalcronologico202454587\/t-1333-01\/\" class=\"_self\" target=\"_self\" >T-1333-01<\/a><\/h4>\n<div class=\"pt-cv-content\">\u00a0 \u00a0 Sentencia T-1333\/01 \u00a0 DERECHO A LA EDUCACION-No vulneraci\u00f3n por cancelaci\u00f3n de matr\u00edcula \u00a0 El menor y sus padres no cumplieron a cabalidad con los acuerdos, ya que el menor no s\u00f3lo desatendi\u00f3 el compromiso acad\u00e9mico sino que adem\u00e1s reprob\u00f3 todas las materias del octavo grado, a lo cual se agrega el empeoramiento de su comportamiento y disciplina. Los padres por su lado mostraron total desinter\u00e9s frente al asunto, como que no acudieron en varias ocasiones a las citas del Colegio ni llevaron a su hijo al psic\u00f3logo. Por estas claras razones el Colegio demandado decidi\u00f3 conforme al manual ...<br \/><div class=\"pt-cv-rmwrap\"><a href=\"https:\/\/www.dmsjuridica.com\/buscador_20179478954\/corteconstitucionalcronologico202454587\/t-1333-01\/\" class=\"_self pt-cv-readmore btn btn-success\" target=\"_self\">Ver Sentencia Completa...<\/a><\/div><\/div><\/div><\/div>\n<div class=\"col-md-12 col-sm-12 col-xs-12 pt-cv-content-item pt-cv-1-col\" ><div class='pt-cv-ifield'><a href=\"https:\/\/www.dmsjuridica.com\/buscador_20179478954\/corteconstitucionalcronologico202454587\/t-1332-01\/\" class=\"_self pt-cv-href-thumbnail pt-cv-thumb-default\" target=\"_self\" ><\/a>\n<div class=\"pt-cv-taxoterm above_title\"><a href='https:\/\/www.dmsjuridica.com\/buscador_20179478954\/corteconstitucionalcronologico202454587\/category\/buscar-en-toda-la-corte\/2001\/tutelas-2001\/' title='Tutelas 2001' class='pt-cv-tax-tutelas-2001'>Tutelas 2001<\/a><\/div>\n<h4 class=\"pt-cv-title\"><a href=\"https:\/\/www.dmsjuridica.com\/buscador_20179478954\/corteconstitucionalcronologico202454587\/t-1332-01\/\" class=\"_self\" target=\"_self\" >T-1332-01<\/a><\/h4>\n<div class=\"pt-cv-content\">\u00a0 \u00a0 Sentencia T-1332\/01 \u00a0 ACCION DE TUTELA-Procedencia excepcional pago de acreencias laborales \u00a0 DERECHO AL MINIMO VITAL DEL TRABAJADOR-Presunci\u00f3n de afectaci\u00f3n por ausencia prolongada en pago de salarios \u00a0 DERECHO AL PAGO OPORTUNO DEL SALARIO-Fundamental \u00a0 DERECHO AL MINIMO VITAL DEL TRABAJADOR-Pago oportuno de salarios \u00a0 Reiteraci\u00f3n de Jurisprudencia \u00a0 Referencia: expediente T-445905 \u00a0 Magistrado Ponente: \u00a0 Dr. JAIME ARAUJO RENTER\u00cdA \u00a0 Bogot\u00e1, D.C., diez (10) de diciembre de dos mil uno (2001). \u00a0 La Sala Primera de Revisi\u00f3n de la Corte Constitucional, integrada por los Magistrados MANUEL JOS\u00c9 CEPEDA ESPINOSA, ALFREDO BELTR\u00c1N SIERRA y JAIME ARA\u00daJO RENTER\u00cdA, en ...<br \/><div class=\"pt-cv-rmwrap\"><a href=\"https:\/\/www.dmsjuridica.com\/buscador_20179478954\/corteconstitucionalcronologico202454587\/t-1332-01\/\" class=\"_self pt-cv-readmore btn btn-success\" target=\"_self\">Ver Sentencia Completa...<\/a><\/div><\/div><\/div><\/div>\n<div class=\"col-md-12 col-sm-12 col-xs-12 pt-cv-content-item pt-cv-1-col\" ><div class='pt-cv-ifield'><a href=\"https:\/\/www.dmsjuridica.com\/buscador_20179478954\/corteconstitucionalcronologico202454587\/t-1331-01\/\" class=\"_self pt-cv-href-thumbnail pt-cv-thumb-default\" target=\"_self\" ><\/a>\n<div class=\"pt-cv-taxoterm above_title\"><a href='https:\/\/www.dmsjuridica.com\/buscador_20179478954\/corteconstitucionalcronologico202454587\/category\/buscar-en-toda-la-corte\/2001\/tutelas-2001\/' title='Tutelas 2001' class='pt-cv-tax-tutelas-2001'>Tutelas 2001<\/a><\/div>\n<h4 class=\"pt-cv-title\"><a href=\"https:\/\/www.dmsjuridica.com\/buscador_20179478954\/corteconstitucionalcronologico202454587\/t-1331-01\/\" class=\"_self\" target=\"_self\" >T-1331-01<\/a><\/h4>\n<div class=\"pt-cv-content\">\u00a0 \u00a0 Sentencia T-1331\/01 \u00a0 ACCION DE TUTELA-Procedencia excepcional sobre controversias contractuales \u00a0 PERJUICIO IRREMEDIABLE-Elementos \u00a0 PERJUICIO IRREMEDIABLE-Inminencia \u00a0 ACCION DE TUTELA TRANSITORIA-Requisitos de procedibilidad no son transferibles \u00a0 Los requisitos de procedibilidad de la acci\u00f3n de tutela como mecanismo transitorio de protecci\u00f3n de los derechos fundamentales no son transferibles. Es decir, para efectos del proceso que se revisa y en lo que toca con la acci\u00f3n de tutela, no es cierto, como lo argumenta el apoderado del accionante y como lo afirma el ad quem, que las deudas cuyo pago se solicita por medio de la acci\u00f3n interpuesta, tuvieran ...<br \/><div class=\"pt-cv-rmwrap\"><a href=\"https:\/\/www.dmsjuridica.com\/buscador_20179478954\/corteconstitucionalcronologico202454587\/t-1331-01\/\" class=\"_self pt-cv-readmore btn btn-success\" target=\"_self\">Ver Sentencia Completa...<\/a><\/div><\/div><\/div><\/div>\n<div class=\"col-md-12 col-sm-12 col-xs-12 pt-cv-content-item pt-cv-1-col\" ><div class='pt-cv-ifield'><a href=\"https:\/\/www.dmsjuridica.com\/buscador_20179478954\/corteconstitucionalcronologico202454587\/t-1330-01\/\" class=\"_self pt-cv-href-thumbnail pt-cv-thumb-default\" target=\"_self\" ><\/a>\n<div class=\"pt-cv-taxoterm above_title\"><a href='https:\/\/www.dmsjuridica.com\/buscador_20179478954\/corteconstitucionalcronologico202454587\/category\/buscar-en-toda-la-corte\/2001\/tutelas-2001\/' title='Tutelas 2001' class='pt-cv-tax-tutelas-2001'>Tutelas 2001<\/a><\/div>\n<h4 class=\"pt-cv-title\"><a href=\"https:\/\/www.dmsjuridica.com\/buscador_20179478954\/corteconstitucionalcronologico202454587\/t-1330-01\/\" class=\"_self\" target=\"_self\" >T-1330-01<\/a><\/h4>\n<div class=\"pt-cv-content\">\u00a0 \u00a0 Sentencia T-1330\/01 \u00a0 PERSONA DE LA TERCERA EDAD EN ESTADO DE INDEFENSION-Protecci\u00f3n constitucional\/SISBEN-Clasificaci\u00f3n de persona indigente que lo deja por fuera del r\u00e9gimen subsidiado \u00a0 La Corte Constitucional no alberga duda de que la adecuada protecci\u00f3n del derecho a la salud exige que cuando una persona pueda pertenecer a una o m\u00e1s categor\u00edas del Sisb\u00e9n, se preferir\u00e1, en virtud de la regla de selecci\u00f3n de criterios yuxtapuestos del Sisb\u00e9n, aqu\u00e9lla cuya puntuaci\u00f3n sea m\u00e1s baja con el prop\u00f3sito de garantizar el efectivo acceso al r\u00e9gimen subsidiado, siempre y cuando la situaci\u00f3n econ\u00f3mica de la persona as\u00ed lo aconseje, ...<br \/><div class=\"pt-cv-rmwrap\"><a href=\"https:\/\/www.dmsjuridica.com\/buscador_20179478954\/corteconstitucionalcronologico202454587\/t-1330-01\/\" class=\"_self pt-cv-readmore btn btn-success\" target=\"_self\">Ver Sentencia Completa...<\/a><\/div><\/div><\/div><\/div>\n<div class=\"col-md-12 col-sm-12 col-xs-12 pt-cv-content-item pt-cv-1-col\" ><div class='pt-cv-ifield'><a href=\"https:\/\/www.dmsjuridica.com\/buscador_20179478954\/corteconstitucionalcronologico202454587\/t-133-01\/\" class=\"_self pt-cv-href-thumbnail pt-cv-thumb-default\" target=\"_self\" ><\/a>\n<div class=\"pt-cv-taxoterm above_title\"><a href='https:\/\/www.dmsjuridica.com\/buscador_20179478954\/corteconstitucionalcronologico202454587\/category\/buscar-en-toda-la-corte\/2001\/tutelas-2001\/' title='Tutelas 2001' class='pt-cv-tax-tutelas-2001'>Tutelas 2001<\/a><\/div>\n<h4 class=\"pt-cv-title\"><a href=\"https:\/\/www.dmsjuridica.com\/buscador_20179478954\/corteconstitucionalcronologico202454587\/t-133-01\/\" class=\"_self\" target=\"_self\" >T-133-01<\/a><\/h4>\n<div class=\"pt-cv-content\">\u00a0 \u00a0 Sentencia T-133\/01 \u00a0 PRINCIPIO DE INTEGRALIDAD DEL SISTEMA DE SEGURIDAD SOCIAL EN SALUD-Contenido\/PLAN OBLIGATORIO DE SALUD-Gu\u00eda de atenci\u00f3n integral \u00a0 Referencia: expediente T-398.955 \u00a0 Acci\u00f3n de tutela contra la EPS Caja Nacional de Previsi\u00f3n Social -CAJANAL- por una presunta violaci\u00f3n de los derechos a la vida, la salud y la seguridad social. \u00a0 Tema: \u00a0 Actora: Elizabeth Uprimny Yepes\u00a0 \u00a0 Magistrado Ponente:\u00a0 \u00a0 Dr. CARLOS GAVIRIA D\u00cdAZ \u00a0 Bogot\u00e1 D.C., siete (7) de febrero del a\u00f1o dos mil uno (2001). \u00a0 La Sala Cuarta de Revisi\u00f3n de Tutelas de la Corte Constitucional, compuesta por los Magistrados Jos\u00e9 Gregorio ...<br \/><div class=\"pt-cv-rmwrap\"><a href=\"https:\/\/www.dmsjuridica.com\/buscador_20179478954\/corteconstitucionalcronologico202454587\/t-133-01\/\" class=\"_self pt-cv-readmore btn btn-success\" target=\"_self\">Ver Sentencia Completa...<\/a><\/div><\/div><\/div><\/div>\n<div class=\"col-md-12 col-sm-12 col-xs-12 pt-cv-content-item pt-cv-1-col\" ><div class='pt-cv-ifield'><a href=\"https:\/\/www.dmsjuridica.com\/buscador_20179478954\/corteconstitucionalcronologico202454587\/t-1329-01\/\" class=\"_self pt-cv-href-thumbnail pt-cv-thumb-default\" target=\"_self\" ><\/a>\n<div class=\"pt-cv-taxoterm above_title\"><a href='https:\/\/www.dmsjuridica.com\/buscador_20179478954\/corteconstitucionalcronologico202454587\/category\/buscar-en-toda-la-corte\/2001\/tutelas-2001\/' title='Tutelas 2001' class='pt-cv-tax-tutelas-2001'>Tutelas 2001<\/a><\/div>\n<h4 class=\"pt-cv-title\"><a href=\"https:\/\/www.dmsjuridica.com\/buscador_20179478954\/corteconstitucionalcronologico202454587\/t-1329-01\/\" class=\"_self\" target=\"_self\" >T-1329-01<\/a><\/h4>\n<div class=\"pt-cv-content\">\u00a0 \u00a0 Sentencia T-1329\/01 \u00a0 DERECHO A FUNDAR PARTIDOS Y MOVIMIENTOS POLITICOS-L\u00edmites \u00a0 El derecho a fundar movimientos y partidos pol\u00edticos es un derecho constitucional garantizado a los ciudadanos como desarrollo del principio democr\u00e1tico desde una perspectiva participativa, que encuentra l\u00edmi\u00adtes textuales en la Constituci\u00f3n, en dicho principio y en los derechos de los dem\u00e1s, y que ha sido desarrollado por el legislador estatutario. El derecho cuya tutela demanda el accionante no tiene un car\u00e1cter absoluto, puede ser limitado cuando de su protecci\u00f3n o ejercicio pueda derivarse el desconocimiento de un derecho o principio constitucional. El derecho a elegir es ...<br \/><div class=\"pt-cv-rmwrap\"><a href=\"https:\/\/www.dmsjuridica.com\/buscador_20179478954\/corteconstitucionalcronologico202454587\/t-1329-01\/\" class=\"_self pt-cv-readmore btn btn-success\" target=\"_self\">Ver Sentencia Completa...<\/a><\/div><\/div><\/div><\/div>\n<div class=\"col-md-12 col-sm-12 col-xs-12 pt-cv-content-item pt-cv-1-col\" ><div class='pt-cv-ifield'><a href=\"https:\/\/www.dmsjuridica.com\/buscador_20179478954\/corteconstitucionalcronologico202454587\/t-1328-01\/\" class=\"_self pt-cv-href-thumbnail pt-cv-thumb-default\" target=\"_self\" ><\/a>\n<div class=\"pt-cv-taxoterm above_title\"><a href='https:\/\/www.dmsjuridica.com\/buscador_20179478954\/corteconstitucionalcronologico202454587\/category\/buscar-en-toda-la-corte\/2001\/tutelas-2001\/' title='Tutelas 2001' class='pt-cv-tax-tutelas-2001'>Tutelas 2001<\/a><\/div>\n<h4 class=\"pt-cv-title\"><a href=\"https:\/\/www.dmsjuridica.com\/buscador_20179478954\/corteconstitucionalcronologico202454587\/t-1328-01\/\" class=\"_self\" target=\"_self\" >T-1328-01<\/a><\/h4>\n<div class=\"pt-cv-content\">\u00a0 \u00a0 Sentencia T-1328\/01 \u00a0 ACCION DE TUTELA CONTRA PARTICULARES-Procedencia excepcional \u00a0 MEDIO DE DEFENSA JUDICIAL-Eficacia objetiva \u00a0 La Corte ha establecido que la procedencia del mecanismo judicial ordinario que, en principio, desplaza a la acci\u00f3n de tutela como forma de protecci\u00f3n de los derechos alegados, est\u00e1 supeditada a la eficacia objetiva de tal procedimiento, de manera que el peticionario pueda obtener a trav\u00e9s de la jurisdicci\u00f3n com\u00fan la salvaguarda cierta de sus intereses y no una simple ilusi\u00f3n procesal que no proteger\u00e1 sus derechos, o lo har\u00e1 al costo de diferir en el tiempo la soluci\u00f3n del caso, muy ...<br \/><div class=\"pt-cv-rmwrap\"><a href=\"https:\/\/www.dmsjuridica.com\/buscador_20179478954\/corteconstitucionalcronologico202454587\/t-1328-01\/\" class=\"_self pt-cv-readmore btn btn-success\" target=\"_self\">Ver Sentencia Completa...<\/a><\/div><\/div><\/div><\/div>\n<div class=\"col-md-12 col-sm-12 col-xs-12 pt-cv-content-item pt-cv-1-col\" ><div class='pt-cv-ifield'><a href=\"https:\/\/www.dmsjuridica.com\/buscador_20179478954\/corteconstitucionalcronologico202454587\/t-1327-01\/\" class=\"_self pt-cv-href-thumbnail pt-cv-thumb-default\" target=\"_self\" ><\/a>\n<div class=\"pt-cv-taxoterm above_title\"><a href='https:\/\/www.dmsjuridica.com\/buscador_20179478954\/corteconstitucionalcronologico202454587\/category\/buscar-en-toda-la-corte\/2001\/tutelas-2001\/' title='Tutelas 2001' class='pt-cv-tax-tutelas-2001'>Tutelas 2001<\/a><\/div>\n<h4 class=\"pt-cv-title\"><a href=\"https:\/\/www.dmsjuridica.com\/buscador_20179478954\/corteconstitucionalcronologico202454587\/t-1327-01\/\" class=\"_self\" target=\"_self\" >T-1327-01<\/a><\/h4>\n<div class=\"pt-cv-content\">\u00a0 \u00a0 Sentencia T-1327\/01 \u00a0 ACCION DE TUTELA-Improcedencia para reclamar derechos de car\u00e1cter constitucional \u00a0 ACCION DE TUTELA-Procedencia excepcional sobre controversias contractuales \u00a0 JURISDICCION ORDINARIA-Competencia sobre controversias contractuales \u00a0 Por regla general, es a la jurisdicci\u00f3n ordinaria a quien compete resolver las diferencias que surjan respecto de la definici\u00f3n de la naturaleza de un contrato o como consecuencia de la ejecuci\u00f3n de los mismos, bien se trate, insiste la Corte, de contratos administrativos, civiles, comerciales o laborales. \u00a0 Referencia: expediente T-508243 \u00a0 Acci\u00f3n de tutela instaurada por Jos\u00e9 Aristides Delgado Osorio contra Calisfalto \u00a0 Magistrado Ponente:\u00a0 \u00a0 Dr. MANUEL JOS\u00c9 ...<br \/><div class=\"pt-cv-rmwrap\"><a href=\"https:\/\/www.dmsjuridica.com\/buscador_20179478954\/corteconstitucionalcronologico202454587\/t-1327-01\/\" class=\"_self pt-cv-readmore btn btn-success\" target=\"_self\">Ver Sentencia Completa...<\/a><\/div><\/div><\/div><\/div>\n<div class=\"col-md-12 col-sm-12 col-xs-12 pt-cv-content-item pt-cv-1-col\" ><div class='pt-cv-ifield'><a href=\"https:\/\/www.dmsjuridica.com\/buscador_20179478954\/corteconstitucionalcronologico202454587\/t-1326-01\/\" class=\"_self pt-cv-href-thumbnail pt-cv-thumb-default\" target=\"_self\" ><\/a>\n<div class=\"pt-cv-taxoterm above_title\"><a href='https:\/\/www.dmsjuridica.com\/buscador_20179478954\/corteconstitucionalcronologico202454587\/category\/buscar-en-toda-la-corte\/2001\/tutelas-2001\/' title='Tutelas 2001' class='pt-cv-tax-tutelas-2001'>Tutelas 2001<\/a><\/div>\n<h4 class=\"pt-cv-title\"><a href=\"https:\/\/www.dmsjuridica.com\/buscador_20179478954\/corteconstitucionalcronologico202454587\/t-1326-01\/\" class=\"_self\" target=\"_self\" >T-1326-01<\/a><\/h4>\n<div class=\"pt-cv-content\">\u00a0 \u00a0 Sentencia T-1326\/01 \u00a0 CONCURSO DE MERITOS-Derecho a ocupar cargos si exist\u00eda calificaci\u00f3n en firme para fecha ejecutoria de sentencia de inconstitucionalidad \u00a0 Siempre que en un concurso de m\u00e9ritos iniciado antes de la ejecutoria de la sentencia C-372 de 1999, est\u00e9n las calificaciones en firme y el actor ocupe un lugar preferencial dentro de los aspirantes \u2013como cuando ocupa el primer lugar entre \u00e9stos--, tendr\u00e1 derecho a ser nombrado en per\u00edodo de prueba en el cargo para el cual concurs\u00f3, siempre y cuando tal cargo exista y se encuentre vacante o, en caso de no encontrarse vacante, la ...<br \/><div class=\"pt-cv-rmwrap\"><a href=\"https:\/\/www.dmsjuridica.com\/buscador_20179478954\/corteconstitucionalcronologico202454587\/t-1326-01\/\" class=\"_self pt-cv-readmore btn btn-success\" target=\"_self\">Ver Sentencia Completa...<\/a><\/div><\/div><\/div><\/div>\n<div class=\"col-md-12 col-sm-12 col-xs-12 pt-cv-content-item pt-cv-1-col\" ><div class='pt-cv-ifield'><a href=\"https:\/\/www.dmsjuridica.com\/buscador_20179478954\/corteconstitucionalcronologico202454587\/t-1325-01\/\" class=\"_self pt-cv-href-thumbnail pt-cv-thumb-default\" target=\"_self\" ><\/a>\n<div class=\"pt-cv-taxoterm above_title\"><a href='https:\/\/www.dmsjuridica.com\/buscador_20179478954\/corteconstitucionalcronologico202454587\/category\/buscar-en-toda-la-corte\/2001\/tutelas-2001\/' title='Tutelas 2001' class='pt-cv-tax-tutelas-2001'>Tutelas 2001<\/a><\/div>\n<h4 class=\"pt-cv-title\"><a href=\"https:\/\/www.dmsjuridica.com\/buscador_20179478954\/corteconstitucionalcronologico202454587\/t-1325-01\/\" class=\"_self\" target=\"_self\" >T-1325-01<\/a><\/h4>\n<div class=\"pt-cv-content\">\u00a0 \u00a0 Sentencia T-1325\/01 \u00a0 DERECHO A LA SALUD-Fundamental por conexidad con la vida \u00a0 TRATAMIENTO MEDICO-Juez solo puede ordenar lo indicado por el m\u00e9dico tratante \u00a0 Los jueces deben ordenar \u00fanicamente la pr\u00e1ctica de los tratamientos indicados por los m\u00e9dicos tratantes y que son s\u00f3lo ellos quienes, debido a que son los que disponen del experticio del cual carece el abogado, pueden determinar si un tratamiento contemplado en el POS es id\u00f3neo para sustituir a uno no contemplado en el mismo. En t\u00e9rminos generales, los jueces carecen del conocimiento cient\u00edfico adecuado para determinar qu\u00e9 tratamiento m\u00e9dico requiere, en una ...<br \/><div class=\"pt-cv-rmwrap\"><a href=\"https:\/\/www.dmsjuridica.com\/buscador_20179478954\/corteconstitucionalcronologico202454587\/t-1325-01\/\" class=\"_self pt-cv-readmore btn btn-success\" target=\"_self\">Ver Sentencia Completa...<\/a><\/div><\/div><\/div><\/div>\n<div class=\"col-md-12 col-sm-12 col-xs-12 pt-cv-content-item pt-cv-1-col\" ><div class='pt-cv-ifield'><a href=\"https:\/\/www.dmsjuridica.com\/buscador_20179478954\/corteconstitucionalcronologico202454587\/t-1324-01\/\" class=\"_self pt-cv-href-thumbnail pt-cv-thumb-default\" target=\"_self\" ><\/a>\n<div class=\"pt-cv-taxoterm above_title\"><a href='https:\/\/www.dmsjuridica.com\/buscador_20179478954\/corteconstitucionalcronologico202454587\/category\/buscar-en-toda-la-corte\/2001\/tutelas-2001\/' title='Tutelas 2001' class='pt-cv-tax-tutelas-2001'>Tutelas 2001<\/a><\/div>\n<h4 class=\"pt-cv-title\"><a href=\"https:\/\/www.dmsjuridica.com\/buscador_20179478954\/corteconstitucionalcronologico202454587\/t-1324-01\/\" class=\"_self\" target=\"_self\" >T-1324-01<\/a><\/h4>\n<div class=\"pt-cv-content\">\u00a0 \u00a0 Sentencia T-1324\/01 \u00a0 DERECHO A LA VIDA-Suministro de medicamentos para quimioterapia por c\u00e1ncer en persona de escasos recursos y sin cumplir periodo m\u00ednimo de cotizaci\u00f3n \u00a0 Reiteraci\u00f3n de Jurisprudencia \u00a0 Referencia: expediente T-521542 \u00a0 Peticionario: Diego Fernando Zambrano Guti\u00e9rrez \u00a0 Magistrado Ponente: \u00a0 Dr. ALFREDO BELTR\u00c1N SIERRA. \u00a0 Bogot\u00e1, D.C., diez (10) de diciembre de \u00a0dos mil uno (2001). \u00a0 La Sala Segunda de Revisi\u00f3n de la Corte Constitucional, integrada por los magistrados, Alfredo Beltr\u00e1n Sierra, Manuel Jos\u00e9 Cepeda Espinosa y Jaime C\u00f3rdoba Trivi\u00f1o, en ejercicio de sus competencias constitucionales y legales, ha proferido la siguiente : \u00a0 ...<br \/><div class=\"pt-cv-rmwrap\"><a href=\"https:\/\/www.dmsjuridica.com\/buscador_20179478954\/corteconstitucionalcronologico202454587\/t-1324-01\/\" class=\"_self pt-cv-readmore btn btn-success\" target=\"_self\">Ver Sentencia Completa...<\/a><\/div><\/div><\/div><\/div>\n<div class=\"col-md-12 col-sm-12 col-xs-12 pt-cv-content-item pt-cv-1-col\" ><div class='pt-cv-ifield'><a href=\"https:\/\/www.dmsjuridica.com\/buscador_20179478954\/corteconstitucionalcronologico202454587\/t-1323-01\/\" class=\"_self pt-cv-href-thumbnail pt-cv-thumb-default\" target=\"_self\" ><\/a>\n<div class=\"pt-cv-taxoterm above_title\"><a href='https:\/\/www.dmsjuridica.com\/buscador_20179478954\/corteconstitucionalcronologico202454587\/category\/buscar-en-toda-la-corte\/2001\/tutelas-2001\/' title='Tutelas 2001' class='pt-cv-tax-tutelas-2001'>Tutelas 2001<\/a><\/div>\n<h4 class=\"pt-cv-title\"><a href=\"https:\/\/www.dmsjuridica.com\/buscador_20179478954\/corteconstitucionalcronologico202454587\/t-1323-01\/\" class=\"_self\" target=\"_self\" >T-1323-01<\/a><\/h4>\n<div class=\"pt-cv-content\">\u00a0 \u00a0 Sentencia T-1323\/01 \u00a0 EMPLEADOR-Situaci\u00f3n econ\u00f3mica o presupuestal no es \u00f3bice para desconocer obligaciones laborales \u00a0 DERECHO AL MINIMO VITAL DEL TRABAJADOR-Ausencia prolongada en pago de salarios \u00a0 ACCION DE TUTELA-Procedencia excepcional pago de salarios a persona desvinculada por afectaci\u00f3n del m\u00ednimo vital \u00a0 La Corte como guardiana de la Constituci\u00f3n y en aras de proteger la vulneraci\u00f3n de los derechos fundamentales producida por el cese continuo en el pago de salarios, ha entendido que en ciertas ocasiones la desesperaci\u00f3n de trabajar sin remuneraci\u00f3n, teniendo por mucho tiempo la expectativa del pago del dinero, que adem\u00e1s de estar comprometido ...<br \/><div class=\"pt-cv-rmwrap\"><a href=\"https:\/\/www.dmsjuridica.com\/buscador_20179478954\/corteconstitucionalcronologico202454587\/t-1323-01\/\" class=\"_self pt-cv-readmore btn btn-success\" target=\"_self\">Ver Sentencia Completa...<\/a><\/div><\/div><\/div><\/div>\n<div class=\"col-md-12 col-sm-12 col-xs-12 pt-cv-content-item pt-cv-1-col\" ><div class='pt-cv-ifield'><a href=\"https:\/\/www.dmsjuridica.com\/buscador_20179478954\/corteconstitucionalcronologico202454587\/t-1322-01\/\" class=\"_self pt-cv-href-thumbnail pt-cv-thumb-default\" target=\"_self\" ><\/a>\n<div class=\"pt-cv-taxoterm above_title\"><a href='https:\/\/www.dmsjuridica.com\/buscador_20179478954\/corteconstitucionalcronologico202454587\/category\/buscar-en-toda-la-corte\/2001\/tutelas-2001\/' title='Tutelas 2001' class='pt-cv-tax-tutelas-2001'>Tutelas 2001<\/a><\/div>\n<h4 class=\"pt-cv-title\"><a href=\"https:\/\/www.dmsjuridica.com\/buscador_20179478954\/corteconstitucionalcronologico202454587\/t-1322-01\/\" class=\"_self\" target=\"_self\" >T-1322-01<\/a><\/h4>\n<div class=\"pt-cv-content\">\u00a0 \u00a0 Sentencia T-1322\/01 \u00a0 HABEAS DATA-Sentidos en que debe entenderse\u00a0 \u00a0 Ha sido abundante la jurisprudencia constitucional en relaci\u00f3n con el derecho fundamental contemplado en el art\u00edculo 15 de la Constituci\u00f3n Pol\u00edtica, en estos pronunciamientos la Corte ha manifestado que el derecho de habeas data tiene dos sentidos: i) proteger a las personas, para que puedan conocer, actualizar y rectificar la informaci\u00f3n que sobre ellas se haya registrado en bancos de datos, y ii) proteger a las Instituciones, quienes pueden conocer la solvencia econ\u00f3mica de sus clientes, por tratarse de asuntos de inter\u00e9s general. \u00a0 RECTIFICACION DE INFORMACION-Solicitud previa ...<br \/><div class=\"pt-cv-rmwrap\"><a href=\"https:\/\/www.dmsjuridica.com\/buscador_20179478954\/corteconstitucionalcronologico202454587\/t-1322-01\/\" class=\"_self pt-cv-readmore btn btn-success\" target=\"_self\">Ver Sentencia Completa...<\/a><\/div><\/div><\/div><\/div>\n<div class=\"col-md-12 col-sm-12 col-xs-12 pt-cv-content-item pt-cv-1-col\" ><div class='pt-cv-ifield'><a href=\"https:\/\/www.dmsjuridica.com\/buscador_20179478954\/corteconstitucionalcronologico202454587\/t-1321-01\/\" class=\"_self pt-cv-href-thumbnail pt-cv-thumb-default\" target=\"_self\" ><\/a>\n<div class=\"pt-cv-taxoterm above_title\"><a href='https:\/\/www.dmsjuridica.com\/buscador_20179478954\/corteconstitucionalcronologico202454587\/category\/buscar-en-toda-la-corte\/2001\/tutelas-2001\/' title='Tutelas 2001' class='pt-cv-tax-tutelas-2001'>Tutelas 2001<\/a><\/div>\n<h4 class=\"pt-cv-title\"><a href=\"https:\/\/www.dmsjuridica.com\/buscador_20179478954\/corteconstitucionalcronologico202454587\/t-1321-01\/\" class=\"_self\" target=\"_self\" >T-1321-01<\/a><\/h4>\n<div class=\"pt-cv-content\">\u00a0 \u00a0 Sentencia T-1321\/01 \u00a0 ACCION DE TUTELA-Procedencia para proteger la existencia de organizaciones sindicales\u00a0 \u00a0 La sola existencia de otros medios de defensa judicial, no hace improcedente, per se, cualquier acci\u00f3n de tutela encaminada a proteger de la desaparici\u00f3n, f\u00edsica y real, a una organizaci\u00f3n sindical. Todas las conductas del empleador que, para el juzgador constitucional, le permitan llegar a la convicci\u00f3n de que se est\u00e1 frente a una clara persecuci\u00f3n sindical, que pone en peligro la existencia misma de la organizaci\u00f3n, y que, no obstante la presencia de otros medios de defensa judicial, ante la inminencia de un ...<br \/><div class=\"pt-cv-rmwrap\"><a href=\"https:\/\/www.dmsjuridica.com\/buscador_20179478954\/corteconstitucionalcronologico202454587\/t-1321-01\/\" class=\"_self pt-cv-readmore btn btn-success\" target=\"_self\">Ver Sentencia Completa...<\/a><\/div><\/div><\/div><\/div>\n<div class=\"col-md-12 col-sm-12 col-xs-12 pt-cv-content-item pt-cv-1-col\" ><div class='pt-cv-ifield'><a href=\"https:\/\/www.dmsjuridica.com\/buscador_20179478954\/corteconstitucionalcronologico202454587\/t-1320-01\/\" class=\"_self pt-cv-href-thumbnail pt-cv-thumb-default\" target=\"_self\" ><\/a>\n<div class=\"pt-cv-taxoterm above_title\"><a href='https:\/\/www.dmsjuridica.com\/buscador_20179478954\/corteconstitucionalcronologico202454587\/category\/buscar-en-toda-la-corte\/2001\/tutelas-2001\/' title='Tutelas 2001' class='pt-cv-tax-tutelas-2001'>Tutelas 2001<\/a><\/div>\n<h4 class=\"pt-cv-title\"><a href=\"https:\/\/www.dmsjuridica.com\/buscador_20179478954\/corteconstitucionalcronologico202454587\/t-1320-01\/\" class=\"_self\" target=\"_self\" >T-1320-01<\/a><\/h4>\n<div class=\"pt-cv-content\">\u00a0 \u00a0 Sentencia T-1320\/01 \u00a0 En relaci\u00f3n con el fuero otorgado a los congresistas para ser juzgados por la Corte Suprema de Justicia, ha de tenerse en cuenta que dicho fuero no se instituye como un privilegio de car\u00e1cter personal, sino en raz\u00f3n de la investidura y con una finalidad protectora de la integridad y la autonom\u00eda del Congreso de la Rep\u00fablica. Por eso no puede admitirse que s\u00f3lo tenga operancia respecto de hechos presuntamente delictuosos que sean cometidos por el sindicado cuando ostente la calidad de miembro del Congreso, pues, aun cuando en este caso tiene fuero, tambi\u00e9n este ...<br \/><div class=\"pt-cv-rmwrap\"><a href=\"https:\/\/www.dmsjuridica.com\/buscador_20179478954\/corteconstitucionalcronologico202454587\/t-1320-01\/\" class=\"_self pt-cv-readmore btn btn-success\" target=\"_self\">Ver Sentencia Completa...<\/a><\/div><\/div><\/div><\/div>\n<div class=\"col-md-12 col-sm-12 col-xs-12 pt-cv-content-item pt-cv-1-col\" ><div class='pt-cv-ifield'><a href=\"https:\/\/www.dmsjuridica.com\/buscador_20179478954\/corteconstitucionalcronologico202454587\/t-132-01\/\" class=\"_self pt-cv-href-thumbnail pt-cv-thumb-default\" target=\"_self\" ><\/a>\n<div class=\"pt-cv-taxoterm above_title\"><a href='https:\/\/www.dmsjuridica.com\/buscador_20179478954\/corteconstitucionalcronologico202454587\/category\/buscar-en-toda-la-corte\/2001\/tutelas-2001\/' title='Tutelas 2001' class='pt-cv-tax-tutelas-2001'>Tutelas 2001<\/a><\/div>\n<h4 class=\"pt-cv-title\"><a href=\"https:\/\/www.dmsjuridica.com\/buscador_20179478954\/corteconstitucionalcronologico202454587\/t-132-01\/\" class=\"_self\" target=\"_self\" >T-132-01<\/a><\/h4>\n<div class=\"pt-cv-content\">\u00a0 \u00a0 Sentencia T-132\/01 \u00a0 TRANSITO DEL SISTEMA SALARIAL O PRESTACIONAL-Protecci\u00f3n derechos constitucionales\/TRANSITO REGIMEN DE CESANTIAS-Reconocimiento intereses moratorios \u00a0 ACCION DE TUTELA-Procedencia excepcional pago de acreencias laborales \u00a0 INDEXACION-Actualizaci\u00f3n monetaria que la administraci\u00f3n adeuda\/INDEXACION DE CESANTIAS PARCIALES-Trabajadores de la rama judicial \u00a0 CESANTIAS PARCIALES-Apropiaci\u00f3n para el pago no debe implicar alteraci\u00f3n turno de entrega \u00a0 ACCION DE TUTELA-Hecho superado por pago de acreencias laborales \u00a0 Reiteraci\u00f3n de Jurisprudencia \u00a0 Referencia: expediente T-353 516. Acci\u00f3n de tutela instaurada por EDGAR IBARGUEN RIVAS y HELADIO SANCHEZ MOSQUERA contra LA FISCALIA GENERAL DE LA NACION, Representada por el Director Nacional Administrativo y Financiero ...<br \/><div class=\"pt-cv-rmwrap\"><a href=\"https:\/\/www.dmsjuridica.com\/buscador_20179478954\/corteconstitucionalcronologico202454587\/t-132-01\/\" class=\"_self pt-cv-readmore btn btn-success\" target=\"_self\">Ver Sentencia Completa...<\/a><\/div><\/div><\/div><\/div>\n<div class=\"col-md-12 col-sm-12 col-xs-12 pt-cv-content-item pt-cv-1-col\" ><div class='pt-cv-ifield'><a href=\"https:\/\/www.dmsjuridica.com\/buscador_20179478954\/corteconstitucionalcronologico202454587\/t-1319-01\/\" class=\"_self pt-cv-href-thumbnail pt-cv-thumb-default\" target=\"_self\" ><\/a>\n<div class=\"pt-cv-taxoterm above_title\"><a href='https:\/\/www.dmsjuridica.com\/buscador_20179478954\/corteconstitucionalcronologico202454587\/category\/buscar-en-toda-la-corte\/2001\/tutelas-2001\/' title='Tutelas 2001' class='pt-cv-tax-tutelas-2001'>Tutelas 2001<\/a><\/div>\n<h4 class=\"pt-cv-title\"><a href=\"https:\/\/www.dmsjuridica.com\/buscador_20179478954\/corteconstitucionalcronologico202454587\/t-1319-01\/\" class=\"_self\" target=\"_self\" >T-1319-01<\/a><\/h4>\n<div class=\"pt-cv-content\">\u00a0 \u00a0 Sentencia T-1319\/01 \u00a0 ACCION DE TUTELA-Improcedencia de intervenci\u00f3n como coadyuvante \u00a0 La competencia de la Corte \u00fanicamente se limita a considerar los hechos de la demanda inicial. La eventual violaci\u00f3n de los derechos fundamentales del ciudadano coadyuvante no puede ser objeto de estudio por parte de esta corporaci\u00f3n, en raz\u00f3n de que su competencia se limita a la revisi\u00f3n de la sentencia dictada dentro del proceso de tutela y, en ese orden de ideas, la situaci\u00f3n f\u00e1ctica puesta en consideraci\u00f3n del juez de instancia. Debe recordarse que la Corte Constitucional no es juez de instancia en materia de ...<br \/><div class=\"pt-cv-rmwrap\"><a href=\"https:\/\/www.dmsjuridica.com\/buscador_20179478954\/corteconstitucionalcronologico202454587\/t-1319-01\/\" class=\"_self pt-cv-readmore btn btn-success\" target=\"_self\">Ver Sentencia Completa...<\/a><\/div><\/div><\/div><\/div>\n<div class=\"col-md-12 col-sm-12 col-xs-12 pt-cv-content-item pt-cv-1-col\" ><div class='pt-cv-ifield'><a href=\"https:\/\/www.dmsjuridica.com\/buscador_20179478954\/corteconstitucionalcronologico202454587\/t-1318-01\/\" class=\"_self pt-cv-href-thumbnail pt-cv-thumb-default\" target=\"_self\" ><\/a>\n<div class=\"pt-cv-taxoterm above_title\"><a href='https:\/\/www.dmsjuridica.com\/buscador_20179478954\/corteconstitucionalcronologico202454587\/category\/buscar-en-toda-la-corte\/2001\/tutelas-2001\/' title='Tutelas 2001' class='pt-cv-tax-tutelas-2001'>Tutelas 2001<\/a><\/div>\n<h4 class=\"pt-cv-title\"><a href=\"https:\/\/www.dmsjuridica.com\/buscador_20179478954\/corteconstitucionalcronologico202454587\/t-1318-01\/\" class=\"_self\" target=\"_self\" >T-1318-01<\/a><\/h4>\n<div class=\"pt-cv-content\">\u00a0 \u00a0 Sentencia T-1318\/01 \u00a0 DEBIDO PROCESO FISCAL-Contenido\/PRINCIPIO DE LEGALIDAD EN PROCESO FISCAL-Aplicaci\u00f3n \u00a0 La Constituci\u00f3n Pol\u00edtica de 1991 consagr\u00f3 expresamente el derecho al debido proceso, erigi\u00e9ndolo como parte de los derechos fundamentales de las personas. Se trata de una garant\u00eda que permite a sus titulares conocer previamente las condiciones jur\u00eddicas dentro de las cuales ser\u00e1n tramitados sus asuntos, particularmente lo relacionado con la jurisdicci\u00f3n de la autoridad p\u00fablica ante la cual se act\u00faa, el \u00e1mbito de competencias de la misma, los t\u00e9rminos dentro de los cuales deber\u00e1n ser resueltas las peticiones y, en general, todos los aspectos de tr\u00e1mite ...<br \/><div class=\"pt-cv-rmwrap\"><a href=\"https:\/\/www.dmsjuridica.com\/buscador_20179478954\/corteconstitucionalcronologico202454587\/t-1318-01\/\" class=\"_self pt-cv-readmore btn btn-success\" target=\"_self\">Ver Sentencia Completa...<\/a><\/div><\/div><\/div><\/div>\n<div class=\"col-md-12 col-sm-12 col-xs-12 pt-cv-content-item pt-cv-1-col\" ><div class='pt-cv-ifield'><a href=\"https:\/\/www.dmsjuridica.com\/buscador_20179478954\/corteconstitucionalcronologico202454587\/t-1317-01\/\" class=\"_self pt-cv-href-thumbnail pt-cv-thumb-default\" target=\"_self\" ><\/a>\n<div class=\"pt-cv-taxoterm above_title\"><a href='https:\/\/www.dmsjuridica.com\/buscador_20179478954\/corteconstitucionalcronologico202454587\/category\/buscar-en-toda-la-corte\/2001\/tutelas-2001\/' title='Tutelas 2001' class='pt-cv-tax-tutelas-2001'>Tutelas 2001<\/a><\/div>\n<h4 class=\"pt-cv-title\"><a href=\"https:\/\/www.dmsjuridica.com\/buscador_20179478954\/corteconstitucionalcronologico202454587\/t-1317-01\/\" class=\"_self\" target=\"_self\" >T-1317-01<\/a><\/h4>\n<div class=\"pt-cv-content\">\u00a0 \u00a0 Sentencia T-1317\/01 \u00a0 AUTONOMIA UNIVERSITARIA-Facultad de reglamentaci\u00f3n interna\/AUTONOMIA UNIVERSITARIA-Facultad para interpretar el alcance de las normas que expida \u00a0 La autonom\u00eda universitaria se proyecta principalmente en la facultad de dictar la normatividad que rige sus relaciones internas. Ello apareja que tienen control sobre todos los aspectos relacionados con la producci\u00f3n y aplicaci\u00f3n de su propia normatividad. Tal normatividad, cabe se\u00f1alar, corresponde a una visi\u00f3n institucionalizada del mundo, del cual el Estado debe ser en extremo respetuoso. Lo anterior implica que debe reconocerse la existencia de independencia \u00a0por parte de la Universidad para interpretar el alcance de las normas ...<br \/><div class=\"pt-cv-rmwrap\"><a href=\"https:\/\/www.dmsjuridica.com\/buscador_20179478954\/corteconstitucionalcronologico202454587\/t-1317-01\/\" class=\"_self pt-cv-readmore btn btn-success\" target=\"_self\">Ver Sentencia Completa...<\/a><\/div><\/div><\/div><\/div>\n<div class=\"col-md-12 col-sm-12 col-xs-12 pt-cv-content-item pt-cv-1-col\" ><div class='pt-cv-ifield'><a href=\"https:\/\/www.dmsjuridica.com\/buscador_20179478954\/corteconstitucionalcronologico202454587\/t-1316-01\/\" class=\"_self pt-cv-href-thumbnail pt-cv-thumb-default\" target=\"_self\" ><\/a>\n<div class=\"pt-cv-taxoterm above_title\"><a href='https:\/\/www.dmsjuridica.com\/buscador_20179478954\/corteconstitucionalcronologico202454587\/category\/buscar-en-toda-la-corte\/2001\/tutelas-2001\/' title='Tutelas 2001' class='pt-cv-tax-tutelas-2001'>Tutelas 2001<\/a><\/div>\n<h4 class=\"pt-cv-title\"><a href=\"https:\/\/www.dmsjuridica.com\/buscador_20179478954\/corteconstitucionalcronologico202454587\/t-1316-01\/\" class=\"_self\" target=\"_self\" >T-1316-01<\/a><\/h4>\n<div class=\"pt-cv-content\">\u00a0 \u00a0 Sentencia T-1316\/01 \u00a0 MEDIO DE DEFENSA JUDICIAL-Eficacia y proporcionalidad \u00a0 ACCION DE TUTELA FRENTE A MEDIO DE DEFENSA JUDICIAL-Procedencia como mecanismo transitorio para evitar un perjuicio irremediable \u00a0 PERJUICIO IRREMEDIABLE FRENTE A SUJETOS DE ESPECIAL PROTECCION-Concepci\u00f3n dual \u00a0 PERSONA DE LA TERCERA EDAD-Protecci\u00f3n constitucional especial \u00a0 ACCION DE TUTELA TRANSITORIA-Inexistencia de perjuicio irremediable \u00a0 DERECHO A LA IGUALDAD-No vulneraci\u00f3n en liquidaci\u00f3n de incremento pensional \u00a0 Referencia: expediente T-485981 \u00a0 Accionante: Leonardo D\u2019silva Perdomo y otros. \u00a0 Procedencia: Juzgado Tercero Penal Municipal de Bogot\u00e1\u00a0 \u00a0 Magistrado Ponente (E): \u00a0 Dr. RODRIGO UPRIMNY YEPES \u00a0 Bogot\u00e1, D.C. siete (7) de ...<br \/><div class=\"pt-cv-rmwrap\"><a href=\"https:\/\/www.dmsjuridica.com\/buscador_20179478954\/corteconstitucionalcronologico202454587\/t-1316-01\/\" class=\"_self pt-cv-readmore btn btn-success\" target=\"_self\">Ver Sentencia Completa...<\/a><\/div><\/div><\/div><\/div>\n<div class=\"col-md-12 col-sm-12 col-xs-12 pt-cv-content-item pt-cv-1-col\" ><div class='pt-cv-ifield'><a href=\"https:\/\/www.dmsjuridica.com\/buscador_20179478954\/corteconstitucionalcronologico202454587\/t-1315-01\/\" class=\"_self pt-cv-href-thumbnail pt-cv-thumb-default\" target=\"_self\" ><\/a>\n<div class=\"pt-cv-taxoterm above_title\"><a href='https:\/\/www.dmsjuridica.com\/buscador_20179478954\/corteconstitucionalcronologico202454587\/category\/buscar-en-toda-la-corte\/2001\/tutelas-2001\/' title='Tutelas 2001' class='pt-cv-tax-tutelas-2001'>Tutelas 2001<\/a><\/div>\n<h4 class=\"pt-cv-title\"><a href=\"https:\/\/www.dmsjuridica.com\/buscador_20179478954\/corteconstitucionalcronologico202454587\/t-1315-01\/\" class=\"_self\" target=\"_self\" >T-1315-01<\/a><\/h4>\n<div class=\"pt-cv-content\">Sentencia T-1315\/01 \u00a0 DERECHO A LA LIBERTAD PERSONAL-Eficacia de la tutela para la protecci\u00f3n\/HABEAS CORPUS-Mecanismo efectivo \u00a0 Esta Corporaci\u00f3n ha elaborado una clara doctrina en relaci\u00f3n con la manera como se protege el derecho fundamental a la libertad en el proceso penal teniendo en cuenta el contenido y los l\u00edmites que han sido configurados por el constituyente y por el legislador. \u00a0Ello no puede ser de otra manera pues la protecci\u00f3n de un derecho fundamental no puede propiciarse a espaldas del \u00e1mbito normativo implementado en el Texto Fundamental y en la ley: \u00a0el art\u00edculo 30 de la Carta ha previsto ...<br \/><div class=\"pt-cv-rmwrap\"><a href=\"https:\/\/www.dmsjuridica.com\/buscador_20179478954\/corteconstitucionalcronologico202454587\/t-1315-01\/\" class=\"_self pt-cv-readmore btn btn-success\" target=\"_self\">Ver Sentencia Completa...<\/a><\/div><\/div><\/div><\/div>\n<div class=\"col-md-12 col-sm-12 col-xs-12 pt-cv-content-item pt-cv-1-col\" ><div class='pt-cv-ifield'><a href=\"https:\/\/www.dmsjuridica.com\/buscador_20179478954\/corteconstitucionalcronologico202454587\/t-1314-01\/\" class=\"_self pt-cv-href-thumbnail pt-cv-thumb-default\" target=\"_self\" ><\/a>\n<div class=\"pt-cv-taxoterm above_title\"><a href='https:\/\/www.dmsjuridica.com\/buscador_20179478954\/corteconstitucionalcronologico202454587\/category\/buscar-en-toda-la-corte\/2001\/tutelas-2001\/' title='Tutelas 2001' class='pt-cv-tax-tutelas-2001'>Tutelas 2001<\/a><\/div>\n<h4 class=\"pt-cv-title\"><a href=\"https:\/\/www.dmsjuridica.com\/buscador_20179478954\/corteconstitucionalcronologico202454587\/t-1314-01\/\" class=\"_self\" target=\"_self\" >T-1314-01<\/a><\/h4>\n<div class=\"pt-cv-content\">\u00a0 \u00a0 Sentencia T-1314\/01 \u00a0 ACCION DE TUTELA-Hecho superado por revocatoria de sentencia \u00a0 Referencia: expediente T-495669 \u00a0 \u00a0 Acci\u00f3n de tutela instaurada por la Corporaci\u00f3n Aut\u00f3noma Regional del Valle del Cauca \u2013CVC- contra el Juzgado Noveno Civil del Circuito de Cali.\u00a0 \u00a0 Magistrado Ponente: \u00a0 Dr. JAIME C\u00d3RDOBA TRIVI\u00d1O \u00a0 Bogot\u00e1, D.C., \u00a0siete (7) de diciembre de dos mil uno(2001). \u00a0 La Sala Cuarta de Revisi\u00f3n de la Corte Constitucional, en ejercicio de sus competencias constitucionales y legales, espec\u00edficamente las previstas en los art\u00edculos 86 y 241 numeral 9 de la Constituci\u00f3n Pol\u00edtica y en el Decreto 2591 de ...<br \/><div class=\"pt-cv-rmwrap\"><a href=\"https:\/\/www.dmsjuridica.com\/buscador_20179478954\/corteconstitucionalcronologico202454587\/t-1314-01\/\" class=\"_self pt-cv-readmore btn btn-success\" target=\"_self\">Ver Sentencia Completa...<\/a><\/div><\/div><\/div><\/div>\n<div class=\"col-md-12 col-sm-12 col-xs-12 pt-cv-content-item pt-cv-1-col\" ><div class='pt-cv-ifield'><a href=\"https:\/\/www.dmsjuridica.com\/buscador_20179478954\/corteconstitucionalcronologico202454587\/t-1313-01\/\" class=\"_self pt-cv-href-thumbnail pt-cv-thumb-default\" target=\"_self\" ><\/a>\n<div class=\"pt-cv-taxoterm above_title\"><a href='https:\/\/www.dmsjuridica.com\/buscador_20179478954\/corteconstitucionalcronologico202454587\/category\/buscar-en-toda-la-corte\/2001\/tutelas-2001\/' title='Tutelas 2001' class='pt-cv-tax-tutelas-2001'>Tutelas 2001<\/a><\/div>\n<h4 class=\"pt-cv-title\"><a href=\"https:\/\/www.dmsjuridica.com\/buscador_20179478954\/corteconstitucionalcronologico202454587\/t-1313-01\/\" class=\"_self\" target=\"_self\" >T-1313-01<\/a><\/h4>\n<div class=\"pt-cv-content\">\u00a0 \u00a0 Sentencia T-1313\/01 \u00a0 ENTIDAD PROMOTORA DE SALUD-Si hay afiliaci\u00f3n m\u00faltiple no est\u00e1 autorizada para cancelar contrato autom\u00e1tica y unilateralmente \u00a0 Si la reglamentaci\u00f3n no establece un determinado procedimiento para desafiliar a quien se encuentre afiliado a m\u00faltiples Empresas Promotoras de Salud, las reglas previstas por el art\u00edculo 50 del Decreto 806 de 1998 sugieren la necesidad de seguir un procedimiento en el que la entidad compruebe, en cada caso, las razones de la m\u00faltiple afiliaci\u00f3n y no las autoriza para cancelar el contrato autom\u00e1tica y unilateralmente. De otra parte, el procedimiento a seguir por las Empresas Promotoras de ...<br \/><div class=\"pt-cv-rmwrap\"><a href=\"https:\/\/www.dmsjuridica.com\/buscador_20179478954\/corteconstitucionalcronologico202454587\/t-1313-01\/\" class=\"_self pt-cv-readmore btn btn-success\" target=\"_self\">Ver Sentencia Completa...<\/a><\/div><\/div><\/div><\/div>\n<div class=\"col-md-12 col-sm-12 col-xs-12 pt-cv-content-item pt-cv-1-col\" ><div class='pt-cv-ifield'><a href=\"https:\/\/www.dmsjuridica.com\/buscador_20179478954\/corteconstitucionalcronologico202454587\/t-1312-01\/\" class=\"_self pt-cv-href-thumbnail pt-cv-thumb-default\" target=\"_self\" ><\/a>\n<div class=\"pt-cv-taxoterm above_title\"><a href='https:\/\/www.dmsjuridica.com\/buscador_20179478954\/corteconstitucionalcronologico202454587\/category\/buscar-en-toda-la-corte\/2001\/tutelas-2001\/' title='Tutelas 2001' class='pt-cv-tax-tutelas-2001'>Tutelas 2001<\/a><\/div>\n<h4 class=\"pt-cv-title\"><a href=\"https:\/\/www.dmsjuridica.com\/buscador_20179478954\/corteconstitucionalcronologico202454587\/t-1312-01\/\" class=\"_self\" target=\"_self\" >T-1312-01<\/a><\/h4>\n<div class=\"pt-cv-content\">\u00a0 \u00a0 Sentencia T-1312\/01 \u00a0 DEBIDO PROCESO-Notificaci\u00f3n al demandado \u00a0 JUEZ DE TUTELA-Imposibilidad de notificaci\u00f3n \u00a0 JUEZ DE TUTELA-Imposibilidad de notificaci\u00f3n no obedece a desidia o falta de diligencia \u00a0 EMPLEADOR-Falta de presupuesto o insolvencia para pago oportuno de salarios no es raz\u00f3n suficiente \u00a0 ACCION DE TUTELA-Pago de salarios a\u00fan cuando ya no exista vinculaci\u00f3n a la empresa \u00a0 DERECHO AL MINIMO VITAL DEL TRABAJADOR-Pago oportuno de acreencias laborales \u00a0 Referencia: expediente T-510460. Acci\u00f3n de tutela promovida por Laureano Segundo G\u00f3mez Barros contra el Departamento del Magdalena y la Industria Licorera del Magdalena.\u00a0 \u00a0 Magistrada Ponente: \u00a0 Dra. CLARA ...<br \/><div class=\"pt-cv-rmwrap\"><a href=\"https:\/\/www.dmsjuridica.com\/buscador_20179478954\/corteconstitucionalcronologico202454587\/t-1312-01\/\" class=\"_self pt-cv-readmore btn btn-success\" target=\"_self\">Ver Sentencia Completa...<\/a><\/div><\/div><\/div><\/div>\n<div class=\"col-md-12 col-sm-12 col-xs-12 pt-cv-content-item pt-cv-1-col\" ><div class='pt-cv-ifield'><a href=\"https:\/\/www.dmsjuridica.com\/buscador_20179478954\/corteconstitucionalcronologico202454587\/t-1311-01\/\" class=\"_self pt-cv-href-thumbnail pt-cv-thumb-default\" target=\"_self\" ><\/a>\n<div class=\"pt-cv-taxoterm above_title\"><a href='https:\/\/www.dmsjuridica.com\/buscador_20179478954\/corteconstitucionalcronologico202454587\/category\/buscar-en-toda-la-corte\/2001\/tutelas-2001\/' title='Tutelas 2001' class='pt-cv-tax-tutelas-2001'>Tutelas 2001<\/a><\/div>\n<h4 class=\"pt-cv-title\"><a href=\"https:\/\/www.dmsjuridica.com\/buscador_20179478954\/corteconstitucionalcronologico202454587\/t-1311-01\/\" class=\"_self\" target=\"_self\" >T-1311-01<\/a><\/h4>\n<div class=\"pt-cv-content\">\u00a0 \u00a0 Sentencia T-1311\/01 \u00a0 AGENCIA OFICIOSA EN TUTELA-Representaci\u00f3n de menor de edad \u00a0 La accionante, sin reticencia alguna afirm\u00f3 en la demanda ser la madre del menor, pero ante el requerimiento que se le hizo por el juez para que probara el parentesco, se vio compelida a explicar que el \u201cmenor\u201d se encontraba bajo su cuidado y protecci\u00f3n desde el momento en que la madre (biol\u00f3gica) muri\u00f3 (diez a\u00f1os atr\u00e1s). En sana l\u00f3gica, si ese hecho fue as\u00ed, era apenas comprensible que la accionante se considerara como la madre del menor y mal pod\u00eda descalificarse su actitud. \u00a0Empero, si ...<br \/><div class=\"pt-cv-rmwrap\"><a href=\"https:\/\/www.dmsjuridica.com\/buscador_20179478954\/corteconstitucionalcronologico202454587\/t-1311-01\/\" class=\"_self pt-cv-readmore btn btn-success\" target=\"_self\">Ver Sentencia Completa...<\/a><\/div><\/div><\/div><\/div>\n<div class=\"col-md-12 col-sm-12 col-xs-12 pt-cv-content-item pt-cv-1-col\" ><div class='pt-cv-ifield'><a href=\"https:\/\/www.dmsjuridica.com\/buscador_20179478954\/corteconstitucionalcronologico202454587\/t-1310-01\/\" class=\"_self pt-cv-href-thumbnail pt-cv-thumb-default\" target=\"_self\" ><\/a>\n<div class=\"pt-cv-taxoterm above_title\"><a href='https:\/\/www.dmsjuridica.com\/buscador_20179478954\/corteconstitucionalcronologico202454587\/category\/buscar-en-toda-la-corte\/2001\/tutelas-2001\/' title='Tutelas 2001' class='pt-cv-tax-tutelas-2001'>Tutelas 2001<\/a><\/div>\n<h4 class=\"pt-cv-title\"><a href=\"https:\/\/www.dmsjuridica.com\/buscador_20179478954\/corteconstitucionalcronologico202454587\/t-1310-01\/\" class=\"_self\" target=\"_self\" >T-1310-01<\/a><\/h4>\n<div class=\"pt-cv-content\">ENTIDAD PRESTADORA DEL SERVICIO DE SALUD-Informaci\u00f3n para que se preste atenci\u00f3n m\u00e9dica \u00a0 La demandante debe proceder en la forma indicada por el mencionado funcionario departamental; esto es, que presente a la Instituci\u00f3n Prestadora de Servicios de Salud que la estaba atendiendo, o ante quien orden\u00f3 el procedimiento requerido, para que \u00e9sta, si no estaba en condiciones de realizarlo, proceda directamente a remitirla a la IPS que cuente con los medios t\u00e9cnicos para hacerlo. Adicionalmente, para que se entere de que puede acudir a la Alcald\u00eda Municipal de donde reside, o en su defecto a la oficina local de salud ...<br \/><div class=\"pt-cv-rmwrap\"><a href=\"https:\/\/www.dmsjuridica.com\/buscador_20179478954\/corteconstitucionalcronologico202454587\/t-1310-01\/\" class=\"_self pt-cv-readmore btn btn-success\" target=\"_self\">Ver Sentencia Completa...<\/a><\/div><\/div><\/div><\/div>\n<div class=\"col-md-12 col-sm-12 col-xs-12 pt-cv-content-item pt-cv-1-col\" ><div class='pt-cv-ifield'><a href=\"https:\/\/www.dmsjuridica.com\/buscador_20179478954\/corteconstitucionalcronologico202454587\/t-131-01\/\" class=\"_self pt-cv-href-thumbnail pt-cv-thumb-default\" target=\"_self\" ><\/a>\n<div class=\"pt-cv-taxoterm above_title\"><a href='https:\/\/www.dmsjuridica.com\/buscador_20179478954\/corteconstitucionalcronologico202454587\/category\/buscar-en-toda-la-corte\/2001\/tutelas-2001\/' title='Tutelas 2001' class='pt-cv-tax-tutelas-2001'>Tutelas 2001<\/a><\/div>\n<h4 class=\"pt-cv-title\"><a href=\"https:\/\/www.dmsjuridica.com\/buscador_20179478954\/corteconstitucionalcronologico202454587\/t-131-01\/\" class=\"_self\" target=\"_self\" >T-131-01<\/a><\/h4>\n<div class=\"pt-cv-content\">\u00a0 \u00a0 Sentencia T-131\/01 \u00a0 ACCION DE TUTELA-Hecho superado por pago de acreencias laborales \u00a0 Reiteraci\u00f3n de Jurisprudencia \u00a0 Referencia: expedientes T-336644 y T-344447 \u00a0 Acciones de tutela instauradas por Mar\u00eda del Carmen Mart\u00ednez Prada y Pedro Mart\u00ednez Tami contra la E.S.E. Hospital San Rafael de Barrancabermeja. \u00a0 Magistrado Ponente: \u00a0 Dr. FABIO MOR\u00d3N D\u00cdAZ\u00a0 \u00a0 Bogot\u00e1, D.C., a los seis (6) d\u00edas del mes de febrero de dos mil uno (2001). \u00a0\u00a0 \u00a0 La Sala S\u00e9ptima de Revisi\u00f3n de Tutelas de la Corte Constitucional, integrada por los Magistrados Rodrigo Escobar Gil, Alvaro Tafur Galvis y Fabio Mor\u00f3n D\u00edaz, en ...<br \/><div class=\"pt-cv-rmwrap\"><a href=\"https:\/\/www.dmsjuridica.com\/buscador_20179478954\/corteconstitucionalcronologico202454587\/t-131-01\/\" class=\"_self pt-cv-readmore btn btn-success\" target=\"_self\">Ver Sentencia Completa...<\/a><\/div><\/div><\/div><\/div>\n<div class=\"col-md-12 col-sm-12 col-xs-12 pt-cv-content-item pt-cv-1-col\" ><div class='pt-cv-ifield'><a href=\"https:\/\/www.dmsjuridica.com\/buscador_20179478954\/corteconstitucionalcronologico202454587\/t-1309-01\/\" class=\"_self pt-cv-href-thumbnail pt-cv-thumb-default\" target=\"_self\" ><\/a>\n<div class=\"pt-cv-taxoterm above_title\"><a href='https:\/\/www.dmsjuridica.com\/buscador_20179478954\/corteconstitucionalcronologico202454587\/category\/buscar-en-toda-la-corte\/2001\/tutelas-2001\/' title='Tutelas 2001' class='pt-cv-tax-tutelas-2001'>Tutelas 2001<\/a><\/div>\n<h4 class=\"pt-cv-title\"><a href=\"https:\/\/www.dmsjuridica.com\/buscador_20179478954\/corteconstitucionalcronologico202454587\/t-1309-01\/\" class=\"_self\" target=\"_self\" >T-1309-01<\/a><\/h4>\n<div class=\"pt-cv-content\">\u00a0 \u00a0 Sentencia T-1309\/01 \u00a0 SUPRESION DE CARGO DE DISMINUIDO FISICO-No se violaron derechos fundamentales del afectado \u00a0 Cuando la supresi\u00f3n de empleo obedece a la reestructuraci\u00f3n o modificaci\u00f3n de la planta de personal de una entidad estatal y \u00e9sta tiene como fundamento mejorar la prestaci\u00f3n del servicio p\u00fablico, controlar el gasto p\u00fablico, abolir la burocracia administrativa, por ejemplo, sin consideraci\u00f3n alguna por las condiciones especiales o particulares de su titular o de quien lo ocupa en ese momento, bien sea en propiedad o de manera provisional, no puede afirmarse en estricto rigor jur\u00eddico que se quebrantan derechos fundamentales del ...<br \/><div class=\"pt-cv-rmwrap\"><a href=\"https:\/\/www.dmsjuridica.com\/buscador_20179478954\/corteconstitucionalcronologico202454587\/t-1309-01\/\" class=\"_self pt-cv-readmore btn btn-success\" target=\"_self\">Ver Sentencia Completa...<\/a><\/div><\/div><\/div><\/div>\n<div class=\"col-md-12 col-sm-12 col-xs-12 pt-cv-content-item pt-cv-1-col\" ><div class='pt-cv-ifield'><a href=\"https:\/\/www.dmsjuridica.com\/buscador_20179478954\/corteconstitucionalcronologico202454587\/t-1308-01\/\" class=\"_self pt-cv-href-thumbnail pt-cv-thumb-default\" target=\"_self\" ><\/a>\n<div class=\"pt-cv-taxoterm above_title\"><a href='https:\/\/www.dmsjuridica.com\/buscador_20179478954\/corteconstitucionalcronologico202454587\/category\/buscar-en-toda-la-corte\/2001\/tutelas-2001\/' title='Tutelas 2001' class='pt-cv-tax-tutelas-2001'>Tutelas 2001<\/a><\/div>\n<h4 class=\"pt-cv-title\"><a href=\"https:\/\/www.dmsjuridica.com\/buscador_20179478954\/corteconstitucionalcronologico202454587\/t-1308-01\/\" class=\"_self\" target=\"_self\" >T-1308-01<\/a><\/h4>\n<div class=\"pt-cv-content\">\u00a0 \u00a0 Sentencia T-1308\/01 \u00a0 DERECHO A LA DIGNIDAD HUMANA DEL INTERNO-Uso de esposas para evitar evasi\u00f3n \u00a0 Es incuestionable que si tal procedimiento se encuentra contenido en un acto administrativo, y est\u00e1 dirigido a toda la poblaci\u00f3n carcelaria recluida en la Penitenciar\u00eda Nacional de Valledupar de manera general, impersonal y abstracta, se presume su legalidad y, por consiguiente, mientras no sea objeto de anulaci\u00f3n o invalidez por parte del \u00f3rgano jurisdiccional competente, debe aplicarse, de donde la acci\u00f3n de tutela resulta improcedente para impedir su materializaci\u00f3n, como quiera que no se evidencia la existencia de un perjuicio irremediable que ...<br \/><div class=\"pt-cv-rmwrap\"><a href=\"https:\/\/www.dmsjuridica.com\/buscador_20179478954\/corteconstitucionalcronologico202454587\/t-1308-01\/\" class=\"_self pt-cv-readmore btn btn-success\" target=\"_self\">Ver Sentencia Completa...<\/a><\/div><\/div><\/div><\/div>\n<div class=\"col-md-12 col-sm-12 col-xs-12 pt-cv-content-item pt-cv-1-col\" ><div class='pt-cv-ifield'><a href=\"https:\/\/www.dmsjuridica.com\/buscador_20179478954\/corteconstitucionalcronologico202454587\/t-1307-01\/\" class=\"_self pt-cv-href-thumbnail pt-cv-thumb-default\" target=\"_self\" ><\/a>\n<div class=\"pt-cv-taxoterm above_title\"><a href='https:\/\/www.dmsjuridica.com\/buscador_20179478954\/corteconstitucionalcronologico202454587\/category\/buscar-en-toda-la-corte\/2001\/tutelas-2001\/' title='Tutelas 2001' class='pt-cv-tax-tutelas-2001'>Tutelas 2001<\/a><\/div>\n<h4 class=\"pt-cv-title\"><a href=\"https:\/\/www.dmsjuridica.com\/buscador_20179478954\/corteconstitucionalcronologico202454587\/t-1307-01\/\" class=\"_self\" target=\"_self\" >T-1307-01<\/a><\/h4>\n<div class=\"pt-cv-content\">\u00a0 \u00a0 Sentencia T-1307\/01 \u00a0 ACCION DE TUTELA-Hecho superado por realizaci\u00f3n de audiencia de sustentaci\u00f3n oral del recurso de apelaci\u00f3n \u00a0 DERECHO DE DEFENSA Y DEBIDO PROCESO-Pueden ser violados tambi\u00e9n por el INPEC \u00a0 La Sala advierte que el argumento esgrimido por el Tribunal Superior, seg\u00fan el cu\u00e1l los derechos fundamentales al debido proceso y a la defensa del acusado dentro de un proceso penal, s\u00f3lo pueden ser violados por el Juez que conduce el proceso y no por el INPEC en sus gestiones administrativas relacionadas con \u00e9l, no es de recibo, ya que la Constituci\u00f3n Pol\u00edtica es clara en ...<br \/><div class=\"pt-cv-rmwrap\"><a href=\"https:\/\/www.dmsjuridica.com\/buscador_20179478954\/corteconstitucionalcronologico202454587\/t-1307-01\/\" class=\"_self pt-cv-readmore btn btn-success\" target=\"_self\">Ver Sentencia Completa...<\/a><\/div><\/div><\/div><\/div>\n<div class=\"col-md-12 col-sm-12 col-xs-12 pt-cv-content-item pt-cv-1-col\" ><div class='pt-cv-ifield'><a href=\"https:\/\/www.dmsjuridica.com\/buscador_20179478954\/corteconstitucionalcronologico202454587\/t-1306-01\/\" class=\"_self pt-cv-href-thumbnail pt-cv-thumb-default\" target=\"_self\" ><\/a>\n<div class=\"pt-cv-taxoterm above_title\"><a href='https:\/\/www.dmsjuridica.com\/buscador_20179478954\/corteconstitucionalcronologico202454587\/category\/buscar-en-toda-la-corte\/2001\/tutelas-2001\/' title='Tutelas 2001' class='pt-cv-tax-tutelas-2001'>Tutelas 2001<\/a><\/div>\n<h4 class=\"pt-cv-title\"><a href=\"https:\/\/www.dmsjuridica.com\/buscador_20179478954\/corteconstitucionalcronologico202454587\/t-1306-01\/\" class=\"_self\" target=\"_self\" >T-1306-01<\/a><\/h4>\n<div class=\"pt-cv-content\">\u00a0 \u00a0 Sentencia T-1306\/01 \u00a0 PREVALENCIA DEL DERECHO SUSTANCIAL-Alcance \u00a0 El procedimiento no es, en principio, ni debe llegar a ser impedimento para la efectividad del derecho sustancial, sino que debe tender a la realizaci\u00f3n de los derechos sustanciales al suministrar una v\u00eda para la soluci\u00f3n de controversias sobre los mismos. Cuando surge un conflicto respecto de un derecho subjetivo, es el derecho procesal el que entra a servir como pauta v\u00e1lida y necesaria de soluci\u00f3n de la diferencia entre las partes. Se debe tener siempre presente que la norma procesal se debe a la b\u00fasqueda de la garant\u00eda del ...<br \/><div class=\"pt-cv-rmwrap\"><a href=\"https:\/\/www.dmsjuridica.com\/buscador_20179478954\/corteconstitucionalcronologico202454587\/t-1306-01\/\" class=\"_self pt-cv-readmore btn btn-success\" target=\"_self\">Ver Sentencia Completa...<\/a><\/div><\/div><\/div><\/div>\n<div class=\"col-md-12 col-sm-12 col-xs-12 pt-cv-content-item pt-cv-1-col\" ><div class='pt-cv-ifield'><a href=\"https:\/\/www.dmsjuridica.com\/buscador_20179478954\/corteconstitucionalcronologico202454587\/t-1305-01\/\" class=\"_self pt-cv-href-thumbnail pt-cv-thumb-default\" target=\"_self\" ><\/a>\n<div class=\"pt-cv-taxoterm above_title\"><a href='https:\/\/www.dmsjuridica.com\/buscador_20179478954\/corteconstitucionalcronologico202454587\/category\/buscar-en-toda-la-corte\/2001\/tutelas-2001\/' title='Tutelas 2001' class='pt-cv-tax-tutelas-2001'>Tutelas 2001<\/a><\/div>\n<h4 class=\"pt-cv-title\"><a href=\"https:\/\/www.dmsjuridica.com\/buscador_20179478954\/corteconstitucionalcronologico202454587\/t-1305-01\/\" class=\"_self\" target=\"_self\" >T-1305-01<\/a><\/h4>\n<div class=\"pt-cv-content\">\u00a0 \u00a0 Sentencia T-1305\/01 \u00a0 DERECHO A LA SALUD-Mora patronal no exonera a la EPS de la prestaci\u00f3n del servicio \u00a0 ENTIDAD PROMOTORA DE SALUD-Cobro coactivo por mora patronal \u00a0 INAPLICACION DE NORMAS DEL PLAN OBLIGATORIO DE SALUD-Casos en que procede por exclusi\u00f3n de tratamientos y medicamentos de alto costo \u00a0 Referencia: expediente T-494418 \u00a0 Acci\u00f3n de tutela interpuesta por Keit de Jes\u00fas Zamora Mercado contra E.P.S. Salud Total S.A. \u00a0 Procedencia: Juzgado Octavo Penal del Circuito de Barranquilla\u00a0 \u00a0 Magistrado Ponente:\u00a0 \u00a0 Dr. MARCO GERARDO MONROY CABRA \u00a0 Bogot\u00e1 D.C., seis (6) de diciembre de dos mil uno (2001) ...<br \/><div class=\"pt-cv-rmwrap\"><a href=\"https:\/\/www.dmsjuridica.com\/buscador_20179478954\/corteconstitucionalcronologico202454587\/t-1305-01\/\" class=\"_self pt-cv-readmore btn btn-success\" target=\"_self\">Ver Sentencia Completa...<\/a><\/div><\/div><\/div><\/div>\n<div class=\"col-md-12 col-sm-12 col-xs-12 pt-cv-content-item pt-cv-1-col\" ><div class='pt-cv-ifield'><a href=\"https:\/\/www.dmsjuridica.com\/buscador_20179478954\/corteconstitucionalcronologico202454587\/t-1304-01\/\" class=\"_self pt-cv-href-thumbnail pt-cv-thumb-default\" target=\"_self\" ><\/a>\n<div class=\"pt-cv-taxoterm above_title\"><a href='https:\/\/www.dmsjuridica.com\/buscador_20179478954\/corteconstitucionalcronologico202454587\/category\/buscar-en-toda-la-corte\/2001\/tutelas-2001\/' title='Tutelas 2001' class='pt-cv-tax-tutelas-2001'>Tutelas 2001<\/a><\/div>\n<h4 class=\"pt-cv-title\"><a href=\"https:\/\/www.dmsjuridica.com\/buscador_20179478954\/corteconstitucionalcronologico202454587\/t-1304-01\/\" class=\"_self\" target=\"_self\" >T-1304-01<\/a><\/h4>\n<div class=\"pt-cv-content\">\u00a0 \u00a0 Sentencia T-1304\/01 \u00a0 REGIMEN CONTRIBUTIVO DE SEGURIDAD SOCIAL EN SALUD-Afiliaci\u00f3n \u00a0 Afiliado al r\u00e9gimen contributivo: Est\u00e1n cobijados por esta forma las personas con capacidad de pago (asalariados que ganen m\u00e1s de un salario m\u00ednimo) y trabajadores independientes con ingresos superiores a dos salarios m\u00ednimos. Este grupo de personas y sus beneficiarios estar\u00e1n afiliados por las Empresas Promotoras de Salud de naturaleza p\u00fablica, privada o mixta. Los servicios a que tienen derecho son, como m\u00ednimo, aquellos incluidos en el POS a menos que se encuentre que para la protecci\u00f3n del derecho a la salud en conexidad con el derecho ...<br \/><div class=\"pt-cv-rmwrap\"><a href=\"https:\/\/www.dmsjuridica.com\/buscador_20179478954\/corteconstitucionalcronologico202454587\/t-1304-01\/\" class=\"_self pt-cv-readmore btn btn-success\" target=\"_self\">Ver Sentencia Completa...<\/a><\/div><\/div><\/div><\/div>\n<div class=\"col-md-12 col-sm-12 col-xs-12 pt-cv-content-item pt-cv-1-col\" ><div class='pt-cv-ifield'><a href=\"https:\/\/www.dmsjuridica.com\/buscador_20179478954\/corteconstitucionalcronologico202454587\/t-1303-01\/\" class=\"_self pt-cv-href-thumbnail pt-cv-thumb-default\" target=\"_self\" ><\/a>\n<div class=\"pt-cv-taxoterm above_title\"><a href='https:\/\/www.dmsjuridica.com\/buscador_20179478954\/corteconstitucionalcronologico202454587\/category\/buscar-en-toda-la-corte\/2001\/tutelas-2001\/' title='Tutelas 2001' class='pt-cv-tax-tutelas-2001'>Tutelas 2001<\/a><\/div>\n<h4 class=\"pt-cv-title\"><a href=\"https:\/\/www.dmsjuridica.com\/buscador_20179478954\/corteconstitucionalcronologico202454587\/t-1303-01\/\" class=\"_self\" target=\"_self\" >T-1303-01<\/a><\/h4>\n<div class=\"pt-cv-content\">\u00a0 \u00a0 Sentencia T-1303\/01 \u00a0 LEGITIMACION POR ACTIVA DEL SINDICATO-Presentaci\u00f3n de tutela \u00a0 DERECHO DE ASOCIACION SINDICAL-Fundamental \u00a0 BLOQUE DE CONSTITUCIONALIDAD EN DERECHOS LABORALES-Aplicaci\u00f3n\/BLOQUE DE CONSTITUCIONALIDAD-Conformaci\u00f3n \u00a0 BLOQUE DE CONSTITUCIONALIDAD-Convenios de la OIT \u00a0 SINDICATO-Afectaci\u00f3n de quienes lo integran \u00a0 Un sindicato no puede funcionar si \u00a0se ataca a quienes lo integran, desvincul\u00e1ndolos de su trabajo. Igualmente no se puede obstaculizar el funcionamiento del sindicato afectando los instrumentos necesarios para que un sindicato se desarrolle La mayor afectaci\u00f3n a una organizaci\u00f3n sindical se produce cuando se disminuye el n\u00famero de afiliados, sin que hubiere respaldo constitucional y legal para los ...<br \/><div class=\"pt-cv-rmwrap\"><a href=\"https:\/\/www.dmsjuridica.com\/buscador_20179478954\/corteconstitucionalcronologico202454587\/t-1303-01\/\" class=\"_self pt-cv-readmore btn btn-success\" target=\"_self\">Ver Sentencia Completa...<\/a><\/div><\/div><\/div><\/div>\n<div class=\"col-md-12 col-sm-12 col-xs-12 pt-cv-content-item pt-cv-1-col\" ><div class='pt-cv-ifield'><a href=\"https:\/\/www.dmsjuridica.com\/buscador_20179478954\/corteconstitucionalcronologico202454587\/t-1302-01\/\" class=\"_self pt-cv-href-thumbnail pt-cv-thumb-default\" target=\"_self\" ><\/a>\n<div class=\"pt-cv-taxoterm above_title\"><a href='https:\/\/www.dmsjuridica.com\/buscador_20179478954\/corteconstitucionalcronologico202454587\/category\/buscar-en-toda-la-corte\/2001\/tutelas-2001\/' title='Tutelas 2001' class='pt-cv-tax-tutelas-2001'>Tutelas 2001<\/a><\/div>\n<h4 class=\"pt-cv-title\"><a href=\"https:\/\/www.dmsjuridica.com\/buscador_20179478954\/corteconstitucionalcronologico202454587\/t-1302-01\/\" class=\"_self\" target=\"_self\" >T-1302-01<\/a><\/h4>\n<div class=\"pt-cv-content\">\u00a0 \u00a0 Sentencia T-1302\/01 \u00a0 DERECHO A LA SALUD-Suministro de medicamentos\/ADMINISTRADORA DEL REGIMEN SUBSIDIADO-Informaci\u00f3n al afiliado sobre suministro de medicamentos \u00a0 Referencia: \u00a0expediente T-485244\u00a0 \u00a0 Acci\u00f3n de tutela interpuesta por Blanca Cecilia P\u00e9rez Mendoza contra Famisalud ARS\u00a0 \u00a0 Magistrado Ponente:\u00a0 \u00a0 Dr. Marco Gerardo Monroy Cabra \u00a0 Bogot\u00e1 D.C., seis (6) de diciembre de dos mil uno (2001) \u00a0 La Sala Sexta de Revisi\u00f3n de la Corte Constitucional, integrada por los Magistrados Alvaro Tafur Galvis, Marco Gerardo Monroy Cabra, quien la preside y Rodrigo Uprimny Yepes, en ejercicio de sus competencias constitucionales y legales ha pronunciado la siguiente\u00a0 \u00a0 SENTENCIA ...<br \/><div class=\"pt-cv-rmwrap\"><a href=\"https:\/\/www.dmsjuridica.com\/buscador_20179478954\/corteconstitucionalcronologico202454587\/t-1302-01\/\" class=\"_self pt-cv-readmore btn btn-success\" target=\"_self\">Ver Sentencia Completa...<\/a><\/div><\/div><\/div><\/div>\n<div class=\"col-md-12 col-sm-12 col-xs-12 pt-cv-content-item pt-cv-1-col\" ><div class='pt-cv-ifield'><a href=\"https:\/\/www.dmsjuridica.com\/buscador_20179478954\/corteconstitucionalcronologico202454587\/t-1301-01\/\" class=\"_self pt-cv-href-thumbnail pt-cv-thumb-default\" target=\"_self\" ><\/a>\n<div class=\"pt-cv-taxoterm above_title\"><a href='https:\/\/www.dmsjuridica.com\/buscador_20179478954\/corteconstitucionalcronologico202454587\/category\/buscar-en-toda-la-corte\/2001\/tutelas-2001\/' title='Tutelas 2001' class='pt-cv-tax-tutelas-2001'>Tutelas 2001<\/a><\/div>\n<h4 class=\"pt-cv-title\"><a href=\"https:\/\/www.dmsjuridica.com\/buscador_20179478954\/corteconstitucionalcronologico202454587\/t-1301-01\/\" class=\"_self\" target=\"_self\" >T-1301-01<\/a><\/h4>\n<div class=\"pt-cv-content\">\u00a0 \u00a0 Sentencia T-1301\/01 \u00a0 ACCION DE TUTELA-Hecho superado por cirug\u00eda a menor \u00a0 Referencia: expediente T-482697\u00a0 \u00a0 Acci\u00f3n de tutela interpuesta por Olga Luc\u00eda Mu\u00f1oz Alvarez contra la Secretar\u00eda Seccional de Salud de Antioquia \u00a0 \u00a0 Magistrado Ponente:\u00a0 \u00a0 Dr. Marco Gerardo Monroy Cabra \u00a0 Bogot\u00e1 D.C., seis (6) de diciembre de dos mil uno (2001) \u00a0 La Sala Sexta de Revisi\u00f3n de la Corte Constitucional, integrada por los Magistrados Alvaro Tafur Galvis, Marco Gerardo Monroy Cabra, quien la preside y Rodrigo Uprimny Yepes, en ejercicio de sus competencias constitucionales y legales ha pronunciado la siguiente\u00a0 \u00a0 En el ...<br \/><div class=\"pt-cv-rmwrap\"><a href=\"https:\/\/www.dmsjuridica.com\/buscador_20179478954\/corteconstitucionalcronologico202454587\/t-1301-01\/\" class=\"_self pt-cv-readmore btn btn-success\" target=\"_self\">Ver Sentencia Completa...<\/a><\/div><\/div><\/div><\/div>\n<div class=\"col-md-12 col-sm-12 col-xs-12 pt-cv-content-item pt-cv-1-col\" ><div class='pt-cv-ifield'><a href=\"https:\/\/www.dmsjuridica.com\/buscador_20179478954\/corteconstitucionalcronologico202454587\/t-130-01\/\" class=\"_self pt-cv-href-thumbnail pt-cv-thumb-default\" target=\"_self\" ><\/a>\n<div class=\"pt-cv-taxoterm above_title\"><a href='https:\/\/www.dmsjuridica.com\/buscador_20179478954\/corteconstitucionalcronologico202454587\/category\/buscar-en-toda-la-corte\/2001\/tutelas-2001\/' title='Tutelas 2001' class='pt-cv-tax-tutelas-2001'>Tutelas 2001<\/a><\/div>\n<h4 class=\"pt-cv-title\"><a href=\"https:\/\/www.dmsjuridica.com\/buscador_20179478954\/corteconstitucionalcronologico202454587\/t-130-01\/\" class=\"_self\" target=\"_self\" >T-130-01<\/a><\/h4>\n<div class=\"pt-cv-content\">\u00a0 \u00a0 Sentencia T-130\/01 \u00a0 DERECHO A LA ESTABILIDAD LABORAL REFORZADA DE MUJER EMBARAZADA-Protecci\u00f3n constitucional especial \u00a0 DERECHO A LA ESTABILIDAD LABORAL REFORZADA DE MUJER EMBARAZADA-Elementos f\u00e1cticos que deben demostrarse \u00a0 ACCION DE TUTELA-Hecho superado \u00a0 Reiteraci\u00f3n de Jurisprudencia \u00a0 Referencia: expediente T-334268 \u00a0 Acci\u00f3n de tutela instaurada por Viviana Andrea Mora Perdomo contra ACCI\u00d3N S.A. \u00a0 \u00a0 \u00a0 \u00a0 \u00a0 \u00a0 \u00a0 \u00a0 \u00a0 \u00a0 \u00a0 \u00a0 \u00a0 \u00a0 \u00a0 \u00a0 \u00a0 \u00a0 \u00a0 \u00a0 \u00a0 \u00a0 \u00a0 \u00a0 \u00a0 \u00a0 Magistrado Ponente:\u00a0 \u00a0 Dr. FABIO MOR\u00d3N D\u00cdAZ \u00a0 Bogot\u00e1, D.C. a los seis (6) d\u00edas del mes de ...<br \/><div class=\"pt-cv-rmwrap\"><a href=\"https:\/\/www.dmsjuridica.com\/buscador_20179478954\/corteconstitucionalcronologico202454587\/t-130-01\/\" class=\"_self pt-cv-readmore btn btn-success\" target=\"_self\">Ver Sentencia Completa...<\/a><\/div><\/div><\/div><\/div>\n<div class=\"col-md-12 col-sm-12 col-xs-12 pt-cv-content-item pt-cv-1-col\" ><div class='pt-cv-ifield'><a href=\"https:\/\/www.dmsjuridica.com\/buscador_20179478954\/corteconstitucionalcronologico202454587\/t-129-01\/\" class=\"_self pt-cv-href-thumbnail pt-cv-thumb-default\" target=\"_self\" ><\/a>\n<div class=\"pt-cv-taxoterm above_title\"><a href='https:\/\/www.dmsjuridica.com\/buscador_20179478954\/corteconstitucionalcronologico202454587\/category\/buscar-en-toda-la-corte\/2001\/tutelas-2001\/' title='Tutelas 2001' class='pt-cv-tax-tutelas-2001'>Tutelas 2001<\/a><\/div>\n<h4 class=\"pt-cv-title\"><a href=\"https:\/\/www.dmsjuridica.com\/buscador_20179478954\/corteconstitucionalcronologico202454587\/t-129-01\/\" class=\"_self\" target=\"_self\" >T-129-01<\/a><\/h4>\n<div class=\"pt-cv-content\">DERECHO DE PETICION Y DERECHO DE INFORMACION-Conexidad \u00a0 ACTUACION ADMINISTRATIVA-Eficacia \u00a0 La eficacia es uno de los principios de la actuaci\u00f3n administrativa, seg\u00fan precepto consagrado en el art\u00edculo 209 de la Constituci\u00f3n Pol\u00edtica; en virtud de esta, toda actuaci\u00f3n de la administraci\u00f3n debe actuar procurando el cumplimiento efectivo de sus fines y funciones dentro de un periodo que, en concordancia con el principio de la celeridad, sea razonable. \u00a0Los resultados arrojados deben ser \u00f3ptimos teniendo en cuenta los medios a su disposici\u00f3n y debe emplear sus mejores esfuerzos en la labor encomendada. Es as\u00ed como, si en un derecho de ...<br \/><div class=\"pt-cv-rmwrap\"><a href=\"https:\/\/www.dmsjuridica.com\/buscador_20179478954\/corteconstitucionalcronologico202454587\/t-129-01\/\" class=\"_self pt-cv-readmore btn btn-success\" target=\"_self\">Ver Sentencia Completa...<\/a><\/div><\/div><\/div><\/div>\n<div class=\"col-md-12 col-sm-12 col-xs-12 pt-cv-content-item pt-cv-1-col\" ><div class='pt-cv-ifield'><a href=\"https:\/\/www.dmsjuridica.com\/buscador_20179478954\/corteconstitucionalcronologico202454587\/t-1286-01\/\" class=\"_self pt-cv-href-thumbnail pt-cv-thumb-default\" target=\"_self\" ><\/a>\n<div class=\"pt-cv-taxoterm above_title\"><a href='https:\/\/www.dmsjuridica.com\/buscador_20179478954\/corteconstitucionalcronologico202454587\/category\/buscar-en-toda-la-corte\/2001\/tutelas-2001\/' title='Tutelas 2001' class='pt-cv-tax-tutelas-2001'>Tutelas 2001<\/a><\/div>\n<h4 class=\"pt-cv-title\"><a href=\"https:\/\/www.dmsjuridica.com\/buscador_20179478954\/corteconstitucionalcronologico202454587\/t-1286-01\/\" class=\"_self\" target=\"_self\" >T-1286-01<\/a><\/h4>\n<div class=\"pt-cv-content\">\u00a0 \u00a0 Sentencia T-1286\/01 \u00a0 COOPERATIVA-Desafiliaci\u00f3n y reintegro de aportes \u00a0 En el presente caso el accionante ejerci\u00f3 su derecho fundamental a la libertad de asociaci\u00f3n en su dimensi\u00f3n negativa cuando comunic\u00f3 a la cooperativa su decisi\u00f3n de retirarse de la misma dado su traslado a otra ciudad. Aunque a primera vista el gerente general de la cooperativa no se opuso a dicho retiro, lo cierto es que s\u00f3lo hasta la comunicaci\u00f3n de la admisi\u00f3n de la acci\u00f3n de tutela elevada en contra de su representada dio respuesta al actor en el sentido de estar dispuesto a reconocer la devoluci\u00f3n ...<br \/><div class=\"pt-cv-rmwrap\"><a href=\"https:\/\/www.dmsjuridica.com\/buscador_20179478954\/corteconstitucionalcronologico202454587\/t-1286-01\/\" class=\"_self pt-cv-readmore btn btn-success\" target=\"_self\">Ver Sentencia Completa...<\/a><\/div><\/div><\/div><\/div>\n<div class=\"col-md-12 col-sm-12 col-xs-12 pt-cv-content-item pt-cv-1-col\" ><div class='pt-cv-ifield'><a href=\"https:\/\/www.dmsjuridica.com\/buscador_20179478954\/corteconstitucionalcronologico202454587\/t-1285-01\/\" class=\"_self pt-cv-href-thumbnail pt-cv-thumb-default\" target=\"_self\" ><\/a>\n<div class=\"pt-cv-taxoterm above_title\"><a href='https:\/\/www.dmsjuridica.com\/buscador_20179478954\/corteconstitucionalcronologico202454587\/category\/buscar-en-toda-la-corte\/2001\/tutelas-2001\/' title='Tutelas 2001' class='pt-cv-tax-tutelas-2001'>Tutelas 2001<\/a><\/div>\n<h4 class=\"pt-cv-title\"><a href=\"https:\/\/www.dmsjuridica.com\/buscador_20179478954\/corteconstitucionalcronologico202454587\/t-1285-01\/\" class=\"_self\" target=\"_self\" >T-1285-01<\/a><\/h4>\n<div class=\"pt-cv-content\">\u00a0 \u00a0 Sentencia T-1285\/01 \u00a0 DERECHO A LA PENSION DE SOBREVIVIENTES-Car\u00e1cter fundamental \u00a0 ACCION DE TUTELA-Procedencia excepcional pago de acreencias laborales \u00a0 ACCION DE TUTELA TRANSITORIA-Existencia de perjuicio irremediable\/MEDIO DE DEFENSA JUDICIAL-Restablecimiento del derecho prestacional \u00a0 PENSION DE SOBREVIVIENTES-Suspensi\u00f3n invocando disposici\u00f3n anterior a la Constituci\u00f3n y desconociendo ley de seguridad social\/PENSION DE SOBREVIVIENTES-Hijos mayores de dieciocho y hasta veinticinco a\u00f1os incapacitados para trabajar por estudios \u00a0 Reiteraci\u00f3n de Jurisprudencia \u00a0 Referencia: expediente T-492799 \u00a0 Acci\u00f3n de tutela instaurada por Carolina Mu\u00f1oz Ru\u00edz contra el Instituto de Seguros Sociales - Pensiones \u00a0 Magistrado ponente: \u00a0 Dr. MANUEL JOSE CEPEDA ESPINOSA \u00a0 ...<br \/><div class=\"pt-cv-rmwrap\"><a href=\"https:\/\/www.dmsjuridica.com\/buscador_20179478954\/corteconstitucionalcronologico202454587\/t-1285-01\/\" class=\"_self pt-cv-readmore btn btn-success\" target=\"_self\">Ver Sentencia Completa...<\/a><\/div><\/div><\/div><\/div>\n<div class=\"col-md-12 col-sm-12 col-xs-12 pt-cv-content-item pt-cv-1-col\" ><div class='pt-cv-ifield'><a href=\"https:\/\/www.dmsjuridica.com\/buscador_20179478954\/corteconstitucionalcronologico202454587\/t-1284-01\/\" class=\"_self pt-cv-href-thumbnail pt-cv-thumb-default\" target=\"_self\" ><\/a>\n<div class=\"pt-cv-taxoterm above_title\"><a href='https:\/\/www.dmsjuridica.com\/buscador_20179478954\/corteconstitucionalcronologico202454587\/category\/buscar-en-toda-la-corte\/2001\/tutelas-2001\/' title='Tutelas 2001' class='pt-cv-tax-tutelas-2001'>Tutelas 2001<\/a><\/div>\n<h4 class=\"pt-cv-title\"><a href=\"https:\/\/www.dmsjuridica.com\/buscador_20179478954\/corteconstitucionalcronologico202454587\/t-1284-01\/\" class=\"_self\" target=\"_self\" >T-1284-01<\/a><\/h4>\n<div class=\"pt-cv-content\">\u00a0 \u00a0 Sentencia T-1284\/01 \u00a0 JUEZ DE TUTELA-Derechos no invocados \u00a0 DERECHO A LA SEGURIDAD SOCIAL-Naturaleza jur\u00eddica \u00a0 DERECHO A LA SEGURIDAD SOCIAL DE PERSONA DE LA TERCERA EDAD-Fundamental por afectaci\u00f3n del m\u00ednimo vital \u00a0 Reiteraci\u00f3n de Jurisprudencia \u00a0 Referencia: expediente T-478998 \u00a0 Acci\u00f3n de tutela presentada por Miguel Angel Fl\u00f3rez P\u00e1ez contra la Alcald\u00eda Distrital de Barranquilla y la Secretaria de Hacienda Distrital de Barranquilla.\u00a0 \u00a0 Magistrado ponente:\u00a0 \u00a0 Dr. Manuel Jos\u00e9 Cepeda Espinosa\u00a0 \u00a0 Bogot\u00e1, D.C., tres (3) de diciembre de dos mil uno (2001) \u00a0 La Sala Tercera de Revisi\u00f3n de la Corte Constitucional, integrada por los ...<br \/><div class=\"pt-cv-rmwrap\"><a href=\"https:\/\/www.dmsjuridica.com\/buscador_20179478954\/corteconstitucionalcronologico202454587\/t-1284-01\/\" class=\"_self pt-cv-readmore btn btn-success\" target=\"_self\">Ver Sentencia Completa...<\/a><\/div><\/div><\/div><\/div>\n<div class=\"col-md-12 col-sm-12 col-xs-12 pt-cv-content-item pt-cv-1-col\" ><div class='pt-cv-ifield'><a href=\"https:\/\/www.dmsjuridica.com\/buscador_20179478954\/corteconstitucionalcronologico202454587\/t-1283-01\/\" class=\"_self pt-cv-href-thumbnail pt-cv-thumb-default\" target=\"_self\" ><\/a>\n<div class=\"pt-cv-taxoterm above_title\"><a href='https:\/\/www.dmsjuridica.com\/buscador_20179478954\/corteconstitucionalcronologico202454587\/category\/buscar-en-toda-la-corte\/2001\/tutelas-2001\/' title='Tutelas 2001' class='pt-cv-tax-tutelas-2001'>Tutelas 2001<\/a><\/div>\n<h4 class=\"pt-cv-title\"><a href=\"https:\/\/www.dmsjuridica.com\/buscador_20179478954\/corteconstitucionalcronologico202454587\/t-1283-01\/\" class=\"_self\" target=\"_self\" >T-1283-01<\/a><\/h4>\n<div class=\"pt-cv-content\">\u00a0 \u00a0 Sentencia T-1283\/01 \u00a0 DERECHO A LA PENSION DE SOBREVIVIENTES-Finalidad \u00a0 La pensi\u00f3n de sobrevivientes, antes conocida como sustituci\u00f3n pensional, es la prestaci\u00f3n que tiene por objeto proteger a los familiares que dependen econ\u00f3micamente del pensionado o de quien tiene derecho a la pensi\u00f3n cuando sobrevenga la muerte de \u00e9ste. Consiste en la transmisi\u00f3n a su favor, por ministerio de la ley, del derecho a percibir la pensi\u00f3n. La finalidad y raz\u00f3n de ser de la pensi\u00f3n de sobrevivientes es la de ser un mecanismo de protecci\u00f3n de los familiares del trabajador pensionado ante el posible desamparo en que ...<br \/><div class=\"pt-cv-rmwrap\"><a href=\"https:\/\/www.dmsjuridica.com\/buscador_20179478954\/corteconstitucionalcronologico202454587\/t-1283-01\/\" class=\"_self pt-cv-readmore btn btn-success\" target=\"_self\">Ver Sentencia Completa...<\/a><\/div><\/div><\/div><\/div>\n<div class=\"col-md-12 col-sm-12 col-xs-12 pt-cv-content-item pt-cv-1-col\" ><div class='pt-cv-ifield'><a href=\"https:\/\/www.dmsjuridica.com\/buscador_20179478954\/corteconstitucionalcronologico202454587\/t-1282-01\/\" class=\"_self pt-cv-href-thumbnail pt-cv-thumb-default\" target=\"_self\" ><\/a>\n<div class=\"pt-cv-taxoterm above_title\"><a href='https:\/\/www.dmsjuridica.com\/buscador_20179478954\/corteconstitucionalcronologico202454587\/category\/buscar-en-toda-la-corte\/2001\/tutelas-2001\/' title='Tutelas 2001' class='pt-cv-tax-tutelas-2001'>Tutelas 2001<\/a><\/div>\n<h4 class=\"pt-cv-title\"><a href=\"https:\/\/www.dmsjuridica.com\/buscador_20179478954\/corteconstitucionalcronologico202454587\/t-1282-01\/\" class=\"_self\" target=\"_self\" >T-1282-01<\/a><\/h4>\n<div class=\"pt-cv-content\">\u00a0 \u00a0 \u00a0\u00a0 Sentencia T-1282\/01 \u00a0 SISTEMA GENERAL DE PENSIONES LEGALES-Objeto \u00a0 SISTEMA GENERAL DE PENSIONES LEGALES-Reg\u00edmenes\u00a0 \u00a0 PENSION DE SOBREVIVIENTES-Operancia en reg\u00edmenes\u00a0 \u00a0 PENSION DE SOBREVIVIENTES-Prop\u00f3sito central \u00a0 PENSION DE SOBREVIVIENTES-Requisitos para acceso \u00a0 PENSION DE SOBREVIVIENTES-Requisitos para convertirse en beneficiario \u00a0 PENSION DE SOBREVIVIENTES-Beneficiarios del pensionado\/PENSION DE SOBREVIVIENTES-Requisitos para acceso por c\u00f3nyuge o compa\u00f1era permanente cuando es pensionado \u00a0 PENSION DE SOBREVIVIENTES-Cumplimiento conjunto de requisitos para acceso \u00a0 PENSION DE SOBREVIVIENTES-Finalidad de requisitos concurrentes para acceso \u00a0 PENSION DE SOBREVIVIENTES-Elementos fundamentales\/PENSION DE VEJEZ O INVALIDEZ-Titularidad \u00a0 TEST DE RAZONABILIDAD EN PENSION DE SOBREVIVIENTES-Beneficiarios\/TEST DE RAZONABILIDAD EN PENSION DE ...<br \/><div class=\"pt-cv-rmwrap\"><a href=\"https:\/\/www.dmsjuridica.com\/buscador_20179478954\/corteconstitucionalcronologico202454587\/t-1282-01\/\" class=\"_self pt-cv-readmore btn btn-success\" target=\"_self\">Ver Sentencia Completa...<\/a><\/div><\/div><\/div><\/div>\n<div class=\"col-md-12 col-sm-12 col-xs-12 pt-cv-content-item pt-cv-1-col\" ><div class='pt-cv-ifield'><a href=\"https:\/\/www.dmsjuridica.com\/buscador_20179478954\/corteconstitucionalcronologico202454587\/t-1281-01\/\" class=\"_self pt-cv-href-thumbnail pt-cv-thumb-default\" target=\"_self\" ><\/a>\n<div class=\"pt-cv-taxoterm above_title\"><a href='https:\/\/www.dmsjuridica.com\/buscador_20179478954\/corteconstitucionalcronologico202454587\/category\/buscar-en-toda-la-corte\/2001\/tutelas-2001\/' title='Tutelas 2001' class='pt-cv-tax-tutelas-2001'>Tutelas 2001<\/a><\/div>\n<h4 class=\"pt-cv-title\"><a href=\"https:\/\/www.dmsjuridica.com\/buscador_20179478954\/corteconstitucionalcronologico202454587\/t-1281-01\/\" class=\"_self\" target=\"_self\" >T-1281-01<\/a><\/h4>\n<div class=\"pt-cv-content\">\u00a0 \u00a0 \u00a0\u00a0 Sentencia T-1281\/01 \u00a0 ACCION DE TUTELA-Procedencia excepcional pago de acreencias laborales \u00a0 EMPLEADOR-Situaci\u00f3n econ\u00f3mica o presupuestal no es \u00f3bice para desconocer obligaciones laborales \u00a0 DERECHOS FUNDAMENTALES-No son objeto de transacci\u00f3n o desistimiento \u00a0 CONCILIACION SOBRE DERECHOS FUNDAMENTALES-Improcedencia \u00a0 DERECHO AL MINIMO VITAL DEL TRABAJADOR-Pago oportuno de salarios \u00a0 Referencia: expediente T-490667. Acci\u00f3n de tutela promovida por Gladys del Socorro Taborda Mar\u00edn contra el Hospital Jos\u00e9 Cayetano V\u00e1squez \u2013ESE- de Puerto Boyac\u00e1, Boyac\u00e1.\u00a0 \u00a0 Magistrada Ponente: \u00a0 Dra. CLARA IN\u00c9S VARGAS HERN\u00c1NDEZ \u00a0 \u00a0 \u00a0 La Sala Novena de Revisi\u00f3n de la Corte Constitucional, conformada por los Magistrados ...<br \/><div class=\"pt-cv-rmwrap\"><a href=\"https:\/\/www.dmsjuridica.com\/buscador_20179478954\/corteconstitucionalcronologico202454587\/t-1281-01\/\" class=\"_self pt-cv-readmore btn btn-success\" target=\"_self\">Ver Sentencia Completa...<\/a><\/div><\/div><\/div><\/div>\n<div class=\"col-md-12 col-sm-12 col-xs-12 pt-cv-content-item pt-cv-1-col\" ><div class='pt-cv-ifield'><a href=\"https:\/\/www.dmsjuridica.com\/buscador_20179478954\/corteconstitucionalcronologico202454587\/t-1280-01\/\" class=\"_self pt-cv-href-thumbnail pt-cv-thumb-default\" target=\"_self\" ><\/a>\n<div class=\"pt-cv-taxoterm above_title\"><a href='https:\/\/www.dmsjuridica.com\/buscador_20179478954\/corteconstitucionalcronologico202454587\/category\/buscar-en-toda-la-corte\/2001\/tutelas-2001\/' title='Tutelas 2001' class='pt-cv-tax-tutelas-2001'>Tutelas 2001<\/a><\/div>\n<h4 class=\"pt-cv-title\"><a href=\"https:\/\/www.dmsjuridica.com\/buscador_20179478954\/corteconstitucionalcronologico202454587\/t-1280-01\/\" class=\"_self\" target=\"_self\" >T-1280-01<\/a><\/h4>\n<div class=\"pt-cv-content\">\u00a0 \u00a0 \u00a0\u00a0 Sentencia T-1280\/01\u00a0 \u00a0 CONTRATO DE TRABAJO TEMPORAL-Objeto no hab\u00eda desaparecido\u00a0 \u00a0 En ninguno de los documentos se alude siquiera someramente a que la \u201cobra o labor determinada\u201d para la cual se contrat\u00f3 a la demandante, hab\u00eda sido concluida, esto es, que el objeto del contrato hab\u00eda desaparecido o no ten\u00eda raz\u00f3n de ser, circunstancia que sumada al hecho de que la empleadora Coltempora le inform\u00f3 a su empleada que su labor terminaba el 26 de enero, cuando el usuario le comunic\u00f3 que se hab\u00eda decidido dejar de contar con los servicios de la actora a partir del ...<br \/><div class=\"pt-cv-rmwrap\"><a href=\"https:\/\/www.dmsjuridica.com\/buscador_20179478954\/corteconstitucionalcronologico202454587\/t-1280-01\/\" class=\"_self pt-cv-readmore btn btn-success\" target=\"_self\">Ver Sentencia Completa...<\/a><\/div><\/div><\/div><\/div>\n<div class=\"col-md-12 col-sm-12 col-xs-12 pt-cv-content-item pt-cv-1-col\" ><div class='pt-cv-ifield'><a href=\"https:\/\/www.dmsjuridica.com\/buscador_20179478954\/corteconstitucionalcronologico202454587\/t-128-01\/\" class=\"_self pt-cv-href-thumbnail pt-cv-thumb-default\" target=\"_self\" ><\/a>\n<div class=\"pt-cv-taxoterm above_title\"><a href='https:\/\/www.dmsjuridica.com\/buscador_20179478954\/corteconstitucionalcronologico202454587\/category\/buscar-en-toda-la-corte\/2001\/tutelas-2001\/' title='Tutelas 2001' class='pt-cv-tax-tutelas-2001'>Tutelas 2001<\/a><\/div>\n<h4 class=\"pt-cv-title\"><a href=\"https:\/\/www.dmsjuridica.com\/buscador_20179478954\/corteconstitucionalcronologico202454587\/t-128-01\/\" class=\"_self\" target=\"_self\" >T-128-01<\/a><\/h4>\n<div class=\"pt-cv-content\">\u00a0 \u00a0 Sentencia T-128\/01 \u00a0 ACCION DE TUTELA CONTRA PARTICULARES-Subordinaci\u00f3n \u00a0 ACCION DE TUTELA-Procedencia excepcional pago de acreencias laborales \u00a0 DERECHO AL PAGO OPORTUNO DEL SALARIO-Fundamental\/DERECHO AL MINIMO VITAL DEL TRABAJADOR-Pago oportuno de salarios \u00a0 Referencia: expediente T-372307 \u00a0 Accionante: Luz Marina Uruburu de Duque \u00a0 Procedencia: Juzgado 11 Penal del Circuito de Medell\u00edn \u00a0 Magistrado Ponente: \u00a0 Dr. ALEJANDRO MARTINEZ CABALLERO \u00a0 Bogot\u00e1, D.C., seis (6) de febrero de dos mil uno (2001).\u00a0 \u00a0 La Sala Sexta de Revisi\u00f3n de la Corte Constitucional, integrada por los Magistrados doctores Fabio Mor\u00f3n D\u00edaz, Rodrigo Escobar Gil y Alejandro Mart\u00ednez Caballero, quien ...<br \/><div class=\"pt-cv-rmwrap\"><a href=\"https:\/\/www.dmsjuridica.com\/buscador_20179478954\/corteconstitucionalcronologico202454587\/t-128-01\/\" class=\"_self pt-cv-readmore btn btn-success\" target=\"_self\">Ver Sentencia Completa...<\/a><\/div><\/div><\/div><\/div>\n<div class=\"col-md-12 col-sm-12 col-xs-12 pt-cv-content-item pt-cv-1-col\" ><div class='pt-cv-ifield'><a href=\"https:\/\/www.dmsjuridica.com\/buscador_20179478954\/corteconstitucionalcronologico202454587\/t-1279-01\/\" class=\"_self pt-cv-href-thumbnail pt-cv-thumb-default\" target=\"_self\" ><\/a>\n<div class=\"pt-cv-taxoterm above_title\"><a href='https:\/\/www.dmsjuridica.com\/buscador_20179478954\/corteconstitucionalcronologico202454587\/category\/buscar-en-toda-la-corte\/2001\/tutelas-2001\/' title='Tutelas 2001' class='pt-cv-tax-tutelas-2001'>Tutelas 2001<\/a><\/div>\n<h4 class=\"pt-cv-title\"><a href=\"https:\/\/www.dmsjuridica.com\/buscador_20179478954\/corteconstitucionalcronologico202454587\/t-1279-01\/\" class=\"_self\" target=\"_self\" >T-1279-01<\/a><\/h4>\n<div class=\"pt-cv-content\">\u00a0 \u00a0 \u00a0\u00a0 Sentencia T-1279\/01 \u00a0 DERECHO A LA SALUD-Negativa de la EPS de costear test de alergia \u00a0 La Sala encuentra que la limitaci\u00f3n del derecho a la salud en este caso, la cual se concreta por la no inclusi\u00f3n del test de alergia en el P.O.S. y la consecuente no prestaci\u00f3n de este examen, se encuentra justificada en la decisi\u00f3n legislativa de distribuir los recursos p\u00fablicos destinados a la salud de forma que las enfermedades m\u00e1s graves y con mayor impacto sobre la autonom\u00eda y la calidad de vida de las personas tengan precedencia sobre aquellas enfermedades que, ...<br \/><div class=\"pt-cv-rmwrap\"><a href=\"https:\/\/www.dmsjuridica.com\/buscador_20179478954\/corteconstitucionalcronologico202454587\/t-1279-01\/\" class=\"_self pt-cv-readmore btn btn-success\" target=\"_self\">Ver Sentencia Completa...<\/a><\/div><\/div><\/div><\/div>\n<div class=\"col-md-12 col-sm-12 col-xs-12 pt-cv-content-item pt-cv-1-col\" ><div class='pt-cv-ifield'><a href=\"https:\/\/www.dmsjuridica.com\/buscador_20179478954\/corteconstitucionalcronologico202454587\/t-1278-01\/\" class=\"_self pt-cv-href-thumbnail pt-cv-thumb-default\" target=\"_self\" ><\/a>\n<div class=\"pt-cv-taxoterm above_title\"><a href='https:\/\/www.dmsjuridica.com\/buscador_20179478954\/corteconstitucionalcronologico202454587\/category\/buscar-en-toda-la-corte\/2001\/tutelas-2001\/' title='Tutelas 2001' class='pt-cv-tax-tutelas-2001'>Tutelas 2001<\/a><\/div>\n<h4 class=\"pt-cv-title\"><a href=\"https:\/\/www.dmsjuridica.com\/buscador_20179478954\/corteconstitucionalcronologico202454587\/t-1278-01\/\" class=\"_self\" target=\"_self\" >T-1278-01<\/a><\/h4>\n<div class=\"pt-cv-content\">\u00a0 \u00a0 \u00a0\u00a0 Sentencia T-1278\/01 \u00a0 PRINCIPIO DE CONTINUIDAD EN EL SERVICIO DE SALUD-Interrupci\u00f3n de quimioterapia por desvinculaci\u00f3n laboral \u00a0 A trav\u00e9s de la jurisprudencia de esta Corporaci\u00f3n se ha fijado que el alcance del principio de continuidad de salud contempla el derecho de que una persona contin\u00fae recibiendo un tratamiento m\u00e9dico que se le adelanta, con indepen\u00addencia de la desvinculaci\u00f3n sobreviniente y posterior del afiliado a la entidad, pues suspenderle los servicios s\u00fabitamente puede significar peligro para su vida y su integridad f\u00edsica. En este caso el se\u00f1or padece leucemia cr\u00f3nica, grav\u00edsima afecci\u00f3n de la que \u00a0(i) ven\u00eda siendo ...<br \/><div class=\"pt-cv-rmwrap\"><a href=\"https:\/\/www.dmsjuridica.com\/buscador_20179478954\/corteconstitucionalcronologico202454587\/t-1278-01\/\" class=\"_self pt-cv-readmore btn btn-success\" target=\"_self\">Ver Sentencia Completa...<\/a><\/div><\/div><\/div><\/div>\n<div class=\"col-md-12 col-sm-12 col-xs-12 pt-cv-content-item pt-cv-1-col\" ><div class='pt-cv-ifield'><a href=\"https:\/\/www.dmsjuridica.com\/buscador_20179478954\/corteconstitucionalcronologico202454587\/t-1277-01\/\" class=\"_self pt-cv-href-thumbnail pt-cv-thumb-default\" target=\"_self\" ><\/a>\n<div class=\"pt-cv-taxoterm above_title\"><a href='https:\/\/www.dmsjuridica.com\/buscador_20179478954\/corteconstitucionalcronologico202454587\/category\/buscar-en-toda-la-corte\/2001\/tutelas-2001\/' title='Tutelas 2001' class='pt-cv-tax-tutelas-2001'>Tutelas 2001<\/a><\/div>\n<h4 class=\"pt-cv-title\"><a href=\"https:\/\/www.dmsjuridica.com\/buscador_20179478954\/corteconstitucionalcronologico202454587\/t-1277-01\/\" class=\"_self\" target=\"_self\" >T-1277-01<\/a><\/h4>\n<div class=\"pt-cv-content\">\u00a0 \u00a0 \u00a0\u00a0 Sentencia T-1277\/01 \u00a0 DERECHO A LA SALUD-Fundamental por conexidad con la vida\/DERECHO A LA DIGNIDAD HUMANA-Vulneraci\u00f3n por no realizarse examen excluido del POS\/ADMINISTRADORA DEL REGIMEN SUBSIDIADO-Informaci\u00f3n al afiliado sobre posibilidad de atenci\u00f3n en servicio no incluido en POS \u00a0 Referencia: expediente T-499181 \u00a0 Acci\u00f3n de tutela instaurada por Carmen Tulia Morales Castrill\u00f3n contra la Empresa Mutual para el Desarrollo de la Salud \u00a0 Magistrado ponente:\u00a0 \u00a0 Dr. MANUEL JOS\u00c9 CEPEDA ESPINOSA \u00a0 Bogot\u00e1, D.C., treinta (30) de noviembre de dos mil uno (2001) \u00a0 La Sala Tercera de Revisi\u00f3n de la Corte Constitucional, integrada por los magistrados, ...<br \/><div class=\"pt-cv-rmwrap\"><a href=\"https:\/\/www.dmsjuridica.com\/buscador_20179478954\/corteconstitucionalcronologico202454587\/t-1277-01\/\" class=\"_self pt-cv-readmore btn btn-success\" target=\"_self\">Ver Sentencia Completa...<\/a><\/div><\/div><\/div><\/div>\n<div class=\"col-md-12 col-sm-12 col-xs-12 pt-cv-content-item pt-cv-1-col\" ><div class='pt-cv-ifield'><a href=\"https:\/\/www.dmsjuridica.com\/buscador_20179478954\/corteconstitucionalcronologico202454587\/t-1276-01\/\" class=\"_self pt-cv-href-thumbnail pt-cv-thumb-default\" target=\"_self\" ><\/a>\n<div class=\"pt-cv-taxoterm above_title\"><a href='https:\/\/www.dmsjuridica.com\/buscador_20179478954\/corteconstitucionalcronologico202454587\/category\/buscar-en-toda-la-corte\/2001\/tutelas-2001\/' title='Tutelas 2001' class='pt-cv-tax-tutelas-2001'>Tutelas 2001<\/a><\/div>\n<h4 class=\"pt-cv-title\"><a href=\"https:\/\/www.dmsjuridica.com\/buscador_20179478954\/corteconstitucionalcronologico202454587\/t-1276-01\/\" class=\"_self\" target=\"_self\" >T-1276-01<\/a><\/h4>\n<div class=\"pt-cv-content\">\u00a0 \u00a0 \u00a0\u00a0 Sentencia T-1276\/01 \u00a0 DERECHO A LA SALUD-Prueba de la incapacidad econ\u00f3mica para asumir tratamiento odontol\u00f3gico \u00a0 En relaci\u00f3n con el asunto sub ex\u00e1mine observa la Sala, que si bien la vida misma del demandante no est\u00e1 en juego, su salud e integridad personal eventualmente pueden resultar afectadas, por la ausencia de las piezas dentales de su maxilar inferior sin que pueda predicarse un car\u00e1cter simplemente est\u00e9tico de tal reclamaci\u00f3n, pues se evidencia que la carencia de los mismos, compromete aspectos funcionales de su aparato masticatorio y que adem\u00e1s el suministro de la pr\u00f3tesis maxilar fue recomendado por ...<br \/><div class=\"pt-cv-rmwrap\"><a href=\"https:\/\/www.dmsjuridica.com\/buscador_20179478954\/corteconstitucionalcronologico202454587\/t-1276-01\/\" class=\"_self pt-cv-readmore btn btn-success\" target=\"_self\">Ver Sentencia Completa...<\/a><\/div><\/div><\/div><\/div>\n<div class=\"col-md-12 col-sm-12 col-xs-12 pt-cv-content-item pt-cv-1-col\" ><div class='pt-cv-ifield'><a href=\"https:\/\/www.dmsjuridica.com\/buscador_20179478954\/corteconstitucionalcronologico202454587\/t-1275-01\/\" class=\"_self pt-cv-href-thumbnail pt-cv-thumb-default\" target=\"_self\" ><\/a>\n<div class=\"pt-cv-taxoterm above_title\"><a href='https:\/\/www.dmsjuridica.com\/buscador_20179478954\/corteconstitucionalcronologico202454587\/category\/buscar-en-toda-la-corte\/2001\/tutelas-2001\/' title='Tutelas 2001' class='pt-cv-tax-tutelas-2001'>Tutelas 2001<\/a><\/div>\n<h4 class=\"pt-cv-title\"><a href=\"https:\/\/www.dmsjuridica.com\/buscador_20179478954\/corteconstitucionalcronologico202454587\/t-1275-01\/\" class=\"_self\" target=\"_self\" >T-1275-01<\/a><\/h4>\n<div class=\"pt-cv-content\">\u00a0 \u00a0 \u00a0\u00a0 Sentencia T-1275\/01 \u00a0 ACCION DE TUTELA-Sustracci\u00f3n de materia \u00a0 Reiteraci\u00f3n de Jurisprudencia \u00a0 Referencia: expediente T-501657\u00a0 \u00a0 Acci\u00f3n de tutela incoada por Eleuterio Gonz\u00e1lez Rond\u00f3n contra la Direcci\u00f3n de Tr\u00e1nsito de Bucaramanga, Inspecci\u00f3n Primera de Tr\u00e1nsito y Polic\u00eda.\u00a0 \u00a0 Magistrado Ponente: \u00a0 Dr. ALVARO TAFUR GALVIS \u00a0 Bogot\u00e1 D.C., treinta (30) de noviembre de dos mil uno (2001). \u00a0 La Sala Octava de Revisi\u00f3n de Tutelas de la Corte Constitucional, integrada por los Magistrados CLARA IN\u00c9S VARGAS HERN\u00c1NDEZ, JAIME ARAUJO RENTER\u00cdA Y \u00c1LVARO TAFUR GALVIS, en ejercicio de sus competencias constitucionales y legales, ha proferido la siguiente, ...<br \/><div class=\"pt-cv-rmwrap\"><a href=\"https:\/\/www.dmsjuridica.com\/buscador_20179478954\/corteconstitucionalcronologico202454587\/t-1275-01\/\" class=\"_self pt-cv-readmore btn btn-success\" target=\"_self\">Ver Sentencia Completa...<\/a><\/div><\/div><\/div><\/div>\n<div class=\"col-md-12 col-sm-12 col-xs-12 pt-cv-content-item pt-cv-1-col\" ><div class='pt-cv-ifield'><a href=\"https:\/\/www.dmsjuridica.com\/buscador_20179478954\/corteconstitucionalcronologico202454587\/t-1274-01\/\" class=\"_self pt-cv-href-thumbnail pt-cv-thumb-default\" target=\"_self\" ><\/a>\n<div class=\"pt-cv-taxoterm above_title\"><a href='https:\/\/www.dmsjuridica.com\/buscador_20179478954\/corteconstitucionalcronologico202454587\/category\/buscar-en-toda-la-corte\/2001\/tutelas-2001\/' title='Tutelas 2001' class='pt-cv-tax-tutelas-2001'>Tutelas 2001<\/a><\/div>\n<h4 class=\"pt-cv-title\"><a href=\"https:\/\/www.dmsjuridica.com\/buscador_20179478954\/corteconstitucionalcronologico202454587\/t-1274-01\/\" class=\"_self\" target=\"_self\" >T-1274-01<\/a><\/h4>\n<div class=\"pt-cv-content\">\u00a0 \u00a0 \u00a0\u00a0 Sentencia T-1274\/01 \u00a0 ACCION DE TUTELA-Hecho superado por cirug\u00eda de mamoplastia reductora \u00a0 Reiteraci\u00f3n de Jurisprudencia \u00a0 Referencia: expediente T-503781 \u00a0 Acci\u00f3n de tutela instaurada por Noelia Rico contra la Direcci\u00f3n Seccional de Salud de Antioquia y la E.S.E Hospital Marco Fidel Su\u00e1rez de Bello, (Antioquia)\u00a0 \u00a0 Magistrado Ponente: \u00a0 Dr. ALVARO TAFUR GALVIS \u00a0 Bogot\u00e1, D.C., treinta (30) de noviembre de dos mil uno (2001). \u00a0 La Sala Octava de Revisi\u00f3n de la Corte Constitucional, en ejercicio de sus competencias constitucionales y legales, en particular las contenidas en los art\u00edculos 86 y 241, numeral 9, de ...<br \/><div class=\"pt-cv-rmwrap\"><a href=\"https:\/\/www.dmsjuridica.com\/buscador_20179478954\/corteconstitucionalcronologico202454587\/t-1274-01\/\" class=\"_self pt-cv-readmore btn btn-success\" target=\"_self\">Ver Sentencia Completa...<\/a><\/div><\/div><\/div><\/div>\n<div class=\"col-md-12 col-sm-12 col-xs-12 pt-cv-content-item pt-cv-1-col\" ><div class='pt-cv-ifield'><a href=\"https:\/\/www.dmsjuridica.com\/buscador_20179478954\/corteconstitucionalcronologico202454587\/t-1273-01\/\" class=\"_self pt-cv-href-thumbnail pt-cv-thumb-default\" target=\"_self\" ><\/a>\n<div class=\"pt-cv-taxoterm above_title\"><a href='https:\/\/www.dmsjuridica.com\/buscador_20179478954\/corteconstitucionalcronologico202454587\/category\/buscar-en-toda-la-corte\/2001\/tutelas-2001\/' title='Tutelas 2001' class='pt-cv-tax-tutelas-2001'>Tutelas 2001<\/a><\/div>\n<h4 class=\"pt-cv-title\"><a href=\"https:\/\/www.dmsjuridica.com\/buscador_20179478954\/corteconstitucionalcronologico202454587\/t-1273-01\/\" class=\"_self\" target=\"_self\" >T-1273-01<\/a><\/h4>\n<div class=\"pt-cv-content\">\u00a0 \u00a0 \u00a0\u00a0 Sentencia T-1273\/01 \u00a0 COMPA\u00d1IA DE INVERSIONES DE LA FLOTA MERCANTE-Disponibilidad de recursos para pago de mesadas pensionales \u00a0 ACCION DE TUTELA-Procedencia excepcional pago de acreencias laborales \u00a0 DERECHO A LA SEGURIDAD SOCIAL-Fundamental por conexidad \u00a0 EMPRESA EN CONCORDATO O LIQUIDACION-Pago preferente de acreencias laborales \u00a0 ACCION DE TUTELA TRANSITORIA-Procedencia \u00a0 EMPRESA EN LIQUIDACION-Casos excepcionales para pago de mesadas pensionales \u00a0 FEDERACION NACIONAL DE CAFETEROS-Responsabilidad subsidiaria \u00a0 RESPONSABILIDAD SUBSIDIARIA DE SOCIEDAD MATRIZ \u00a0 Reiteraci\u00f3n de Jurisprudencia \u00a0 Referencia: expedientes T-398403, T-399404, \u00a0T-399492, T-399548 y T-400858 \u00a0 Acciones de tutela instauradas por Pedro Juvenal D\u00edaz Reyes, Gonzalo Lozano Vergara, ...<br \/><div class=\"pt-cv-rmwrap\"><a href=\"https:\/\/www.dmsjuridica.com\/buscador_20179478954\/corteconstitucionalcronologico202454587\/t-1273-01\/\" class=\"_self pt-cv-readmore btn btn-success\" target=\"_self\">Ver Sentencia Completa...<\/a><\/div><\/div><\/div><\/div>\n<div class=\"col-md-12 col-sm-12 col-xs-12 pt-cv-content-item pt-cv-1-col\" ><div class='pt-cv-ifield'><a href=\"https:\/\/www.dmsjuridica.com\/buscador_20179478954\/corteconstitucionalcronologico202454587\/t-1272-01\/\" class=\"_self pt-cv-href-thumbnail pt-cv-thumb-default\" target=\"_self\" ><\/a>\n<div class=\"pt-cv-taxoterm above_title\"><a href='https:\/\/www.dmsjuridica.com\/buscador_20179478954\/corteconstitucionalcronologico202454587\/category\/buscar-en-toda-la-corte\/2001\/tutelas-2001\/' title='Tutelas 2001' class='pt-cv-tax-tutelas-2001'>Tutelas 2001<\/a><\/div>\n<h4 class=\"pt-cv-title\"><a href=\"https:\/\/www.dmsjuridica.com\/buscador_20179478954\/corteconstitucionalcronologico202454587\/t-1272-01\/\" class=\"_self\" target=\"_self\" >T-1272-01<\/a><\/h4>\n<div class=\"pt-cv-content\">\u00a0 \u00a0 \u00a0\u00a0 Sentencia T-1272\/01 \u00a0 ACCION DE TUTELA CONTRA INSTITUTO COLOMBIANO DE BIENESTAR FAMILIAR-Procedencia aunque menor no haya sido declarado en estado de abandono\/DECLARACION DE ABANDONO-No es necesaria para proteger al menor \u00a0 La Sala debe apartarse de las consideraciones del Juez de Instancia, como quiera que \u00e9ste considera que el Instituto accionado no se encuentra obligado a restablecer los derechos fundamentales de la menor, porque \u00e9sta no ha sido declarada en estado de abandono, sin reparar en que el art\u00edculo octavo del C\u00f3digo del Menor prev\u00e9 que el ni\u00f1o debe ser tambi\u00e9n protegido, con car\u00e1cter irrenunciable y preferencial ...<br \/><div class=\"pt-cv-rmwrap\"><a href=\"https:\/\/www.dmsjuridica.com\/buscador_20179478954\/corteconstitucionalcronologico202454587\/t-1272-01\/\" class=\"_self pt-cv-readmore btn btn-success\" target=\"_self\">Ver Sentencia Completa...<\/a><\/div><\/div><\/div><\/div>\n<div class=\"col-md-12 col-sm-12 col-xs-12 pt-cv-content-item pt-cv-1-col\" ><div class='pt-cv-ifield'><a href=\"https:\/\/www.dmsjuridica.com\/buscador_20179478954\/corteconstitucionalcronologico202454587\/t-1271-01\/\" class=\"_self pt-cv-href-thumbnail pt-cv-thumb-default\" target=\"_self\" ><\/a>\n<div class=\"pt-cv-taxoterm above_title\"><a href='https:\/\/www.dmsjuridica.com\/buscador_20179478954\/corteconstitucionalcronologico202454587\/category\/buscar-en-toda-la-corte\/2001\/tutelas-2001\/' title='Tutelas 2001' class='pt-cv-tax-tutelas-2001'>Tutelas 2001<\/a><\/div>\n<h4 class=\"pt-cv-title\"><a href=\"https:\/\/www.dmsjuridica.com\/buscador_20179478954\/corteconstitucionalcronologico202454587\/t-1271-01\/\" class=\"_self\" target=\"_self\" >T-1271-01<\/a><\/h4>\n<div class=\"pt-cv-content\">\u00a0 \u00a0 \u00a0\u00a0 ACCION DE TUTELA-Improcedencia general sobre controversias laborales \u00a0 ACCION DE TUTELA-Improcedencia restablecimiento de derechos de trabajadores con fuero sindical \u00a0 ACCION DE REINTEGRO DE TRABAJADOR CON FUERO SINDICAL-Eficacia para la protecci\u00f3n de los derechos fundamentales por despido sin previa calificaci\u00f3n judicial \u00a0 MEDIO DE DEFENSA JUDICIAL-Determinaci\u00f3n legalidad o ilegalidad del despido \u00a0 Los trabajadores sindicalizados que fueron despedidos o desmejorados por su empleador \u2013 Liga de Nataci\u00f3n de Antioquia- despu\u00e9s de que el empleador fuera sido notificado de la presentaci\u00f3n del Pliego de Peticiones, pueden acudir ante el juez laboral para que \u00e9ste, con pleno respeto de ...<br \/><div class=\"pt-cv-rmwrap\"><a href=\"https:\/\/www.dmsjuridica.com\/buscador_20179478954\/corteconstitucionalcronologico202454587\/t-1271-01\/\" class=\"_self pt-cv-readmore btn btn-success\" target=\"_self\">Ver Sentencia Completa...<\/a><\/div><\/div><\/div><\/div>\n<div class=\"col-md-12 col-sm-12 col-xs-12 pt-cv-content-item pt-cv-1-col\" ><div class='pt-cv-ifield'><a href=\"https:\/\/www.dmsjuridica.com\/buscador_20179478954\/corteconstitucionalcronologico202454587\/t-1270-01\/\" class=\"_self pt-cv-href-thumbnail pt-cv-thumb-default\" target=\"_self\" ><\/a>\n<div class=\"pt-cv-taxoterm above_title\"><a href='https:\/\/www.dmsjuridica.com\/buscador_20179478954\/corteconstitucionalcronologico202454587\/category\/buscar-en-toda-la-corte\/2001\/tutelas-2001\/' title='Tutelas 2001' class='pt-cv-tax-tutelas-2001'>Tutelas 2001<\/a><\/div>\n<h4 class=\"pt-cv-title\"><a href=\"https:\/\/www.dmsjuridica.com\/buscador_20179478954\/corteconstitucionalcronologico202454587\/t-1270-01\/\" class=\"_self\" target=\"_self\" >T-1270-01<\/a><\/h4>\n<div class=\"pt-cv-content\">\u00a0 \u00a0 \u00a0\u00a0 Sentencia T-1270\/01 \u00a0 ACCION DE TUTELA-Improcedencia por falta de pruebas \u00a0 Los hechos afirmados en la acci\u00f3n de tutela deben ser probados siquiera sumariamente para que el juzgador tenga la plena certeza sobre los mismos, No es posible sin ninguna prueba acceder a la tutela. La valoraci\u00f3n de la prueba se hace seg\u00fan la sana cr\u00edtica pero es indispensable que obren en el proceso medios probatorios que permitan inferir la verdad de los hechos. \u00a0 Referencia: expediente T-489130 \u00a0 Acci\u00f3n de tutela interpuesta por Patricia Pe\u00f1alosa Duque contra la Secretar\u00eda Departamental de Salud y otro. \u00a0 Procedencia: ...<br \/><div class=\"pt-cv-rmwrap\"><a href=\"https:\/\/www.dmsjuridica.com\/buscador_20179478954\/corteconstitucionalcronologico202454587\/t-1270-01\/\" class=\"_self pt-cv-readmore btn btn-success\" target=\"_self\">Ver Sentencia Completa...<\/a><\/div><\/div><\/div><\/div>\n<div class=\"col-md-12 col-sm-12 col-xs-12 pt-cv-content-item pt-cv-1-col\" ><div class='pt-cv-ifield'><a href=\"https:\/\/www.dmsjuridica.com\/buscador_20179478954\/corteconstitucionalcronologico202454587\/t-127-01\/\" class=\"_self pt-cv-href-thumbnail pt-cv-thumb-default\" target=\"_self\" ><\/a>\n<div class=\"pt-cv-taxoterm above_title\"><a href='https:\/\/www.dmsjuridica.com\/buscador_20179478954\/corteconstitucionalcronologico202454587\/category\/buscar-en-toda-la-corte\/2001\/tutelas-2001\/' title='Tutelas 2001' class='pt-cv-tax-tutelas-2001'>Tutelas 2001<\/a><\/div>\n<h4 class=\"pt-cv-title\"><a href=\"https:\/\/www.dmsjuridica.com\/buscador_20179478954\/corteconstitucionalcronologico202454587\/t-127-01\/\" class=\"_self\" target=\"_self\" >T-127-01<\/a><\/h4>\n<div class=\"pt-cv-content\">\u00a0 \u00a0 Sentencia T-127\/01 \u00a0 ACCION DE TUTELA-Subsidiariedad \u00a0 SUSPENSION PROVISIONAL DE ACTO ADMINISTRATIVO-Eficacia \u00a0 JURISDICCION CONTENCIOSO ADMINISTRATIVA-Controversias sobre reclasificaci\u00f3n en el r\u00e9gimen tributario \u00a0 PERJUICIO IRREMEDIABLE-Elementos \u00a0 ACCION DE TUTELA-Inexistencia de perjuicio irremediable \u00a0 Referencia. expedientes T-324850, T-326473, T-326554, T-329064, T-332614, T-337809, T-338774,T-340013, T-341663, T-348064, T-352151, T-361352, T-366630, T-367626, y T-380461. \u00a0 Accionantes: \u00a0 Alvaro Fernando Medina Yepes, Rafael Antonio Franco Ruiz, Conrado Mora Bol\u00edvar, Claudia Mar\u00eda Mora Vel\u00e1squez, Mar\u00eda Berenice del Socorro Taborda, Eladio Llano Villegas, Alfredo L\u00f3pez Campo, Juan Carlos Pel\u00e1ez Ossa, Cesar Ovidio Nore\u00f1a Hern\u00e1ndez, Jaime Orduz Orduz, Margarita Mar\u00eda Ca\u00f1ola Escobar, Mercedes G\u00f3mez de Quiceno, ...<br \/><div class=\"pt-cv-rmwrap\"><a href=\"https:\/\/www.dmsjuridica.com\/buscador_20179478954\/corteconstitucionalcronologico202454587\/t-127-01\/\" class=\"_self pt-cv-readmore btn btn-success\" target=\"_self\">Ver Sentencia Completa...<\/a><\/div><\/div><\/div><\/div>\n<div class=\"col-md-12 col-sm-12 col-xs-12 pt-cv-content-item pt-cv-1-col\" ><div class='pt-cv-ifield'><a href=\"https:\/\/www.dmsjuridica.com\/buscador_20179478954\/corteconstitucionalcronologico202454587\/t-1269-01\/\" class=\"_self pt-cv-href-thumbnail pt-cv-thumb-default\" target=\"_self\" ><\/a>\n<div class=\"pt-cv-taxoterm above_title\"><a href='https:\/\/www.dmsjuridica.com\/buscador_20179478954\/corteconstitucionalcronologico202454587\/category\/buscar-en-toda-la-corte\/2001\/tutelas-2001\/' title='Tutelas 2001' class='pt-cv-tax-tutelas-2001'>Tutelas 2001<\/a><\/div>\n<h4 class=\"pt-cv-title\"><a href=\"https:\/\/www.dmsjuridica.com\/buscador_20179478954\/corteconstitucionalcronologico202454587\/t-1269-01\/\" class=\"_self\" target=\"_self\" >T-1269-01<\/a><\/h4>\n<div class=\"pt-cv-content\">\u00a0 \u00a0 \u00a0\u00a0 Sentencia T-1269\/01 \u00a0 ACCION DE TUTELA-Hecho superado por afiliaci\u00f3n al SISBEN \u00a0 Reiteraci\u00f3n de Jurisprudencia \u00a0 Referencia: expediente T-493100 \u00a0 Acci\u00f3n de tutela instaurada por Delf\u00edn Losada Mu\u00f1oz contra el Municipio de Rivera (Huila). \u00a0 Magistrado Ponente: \u00a0 Dr. JAIME ARA\u00daJO RENTER\u00cdA \u00a0 Bogot\u00e1, D.C., veintinueve (29) de noviembre de dos mil uno (2001). \u00a0 La Sala Primera de Revisi\u00f3n de la Corte Constitucional, en ejercicio de sus competencias constitucionales y legales, en particular las contenidas en los art\u00edculos 86 y 241, numeral 9, de la Constituci\u00f3n y el Decreto 2591 de 1991, ha proferido la siguiente ...<br \/><div class=\"pt-cv-rmwrap\"><a href=\"https:\/\/www.dmsjuridica.com\/buscador_20179478954\/corteconstitucionalcronologico202454587\/t-1269-01\/\" class=\"_self pt-cv-readmore btn btn-success\" target=\"_self\">Ver Sentencia Completa...<\/a><\/div><\/div><\/div><\/div>\n<div class=\"col-md-12 col-sm-12 col-xs-12 pt-cv-content-item pt-cv-1-col\" ><div class='pt-cv-ifield'><a href=\"https:\/\/www.dmsjuridica.com\/buscador_20179478954\/corteconstitucionalcronologico202454587\/t-1268-01\/\" class=\"_self pt-cv-href-thumbnail pt-cv-thumb-default\" target=\"_self\" ><\/a>\n<div class=\"pt-cv-taxoterm above_title\"><a href='https:\/\/www.dmsjuridica.com\/buscador_20179478954\/corteconstitucionalcronologico202454587\/category\/buscar-en-toda-la-corte\/2001\/tutelas-2001\/' title='Tutelas 2001' class='pt-cv-tax-tutelas-2001'>Tutelas 2001<\/a><\/div>\n<h4 class=\"pt-cv-title\"><a href=\"https:\/\/www.dmsjuridica.com\/buscador_20179478954\/corteconstitucionalcronologico202454587\/t-1268-01\/\" class=\"_self\" target=\"_self\" >T-1268-01<\/a><\/h4>\n<div class=\"pt-cv-content\">\u00a0 \u00a0 \u00a0\u00a0 Sentencia T-1268\/01 \u00a0 DERECHO A OBTENER COPIAS-Alcance \u00a0 DOCUMENTO PUBLICO-Publicidad como regla general\/REGLAMENTO AERON\u00c1UTICO-Improcedencia de reserva sobre informaci\u00f3n de accidente a\u00e9reo \u00a0 La regla general sobre publicidad de los documentos p\u00fablicos tiene su origen en la propia Constituci\u00f3n, con la advertencia de que \u00fanicamente la ley puede establecer y precisar las excepciones. Luego, si de la propia Constituci\u00f3n deviene la regla general de la publicidad, defiri\u00e9ndole a la ley la facultad para excepcionar, resulta palmario que ni el Gobierno en funci\u00f3n reglamentaria, ni las entidades inferiores bajo su propia \u00f3rbita, podr\u00edan en modo alguno establecer las hip\u00f3tesis ...<br \/><div class=\"pt-cv-rmwrap\"><a href=\"https:\/\/www.dmsjuridica.com\/buscador_20179478954\/corteconstitucionalcronologico202454587\/t-1268-01\/\" class=\"_self pt-cv-readmore btn btn-success\" target=\"_self\">Ver Sentencia Completa...<\/a><\/div><\/div><\/div><\/div>\n<div class=\"col-md-12 col-sm-12 col-xs-12 pt-cv-content-item pt-cv-1-col\" ><div class='pt-cv-ifield'><a href=\"https:\/\/www.dmsjuridica.com\/buscador_20179478954\/corteconstitucionalcronologico202454587\/t-1267-01\/\" class=\"_self pt-cv-href-thumbnail pt-cv-thumb-default\" target=\"_self\" ><\/a>\n<div class=\"pt-cv-taxoterm above_title\"><a href='https:\/\/www.dmsjuridica.com\/buscador_20179478954\/corteconstitucionalcronologico202454587\/category\/buscar-en-toda-la-corte\/2001\/tutelas-2001\/' title='Tutelas 2001' class='pt-cv-tax-tutelas-2001'>Tutelas 2001<\/a><\/div>\n<h4 class=\"pt-cv-title\"><a href=\"https:\/\/www.dmsjuridica.com\/buscador_20179478954\/corteconstitucionalcronologico202454587\/t-1267-01\/\" class=\"_self\" target=\"_self\" >T-1267-01<\/a><\/h4>\n<div class=\"pt-cv-content\">\u00a0 \u00a0 \u00a0\u00a0 Sentencia T-1267\/01 \u00a0 DOCTRINA CONSTITUCIONAL SOBRE VIA DE HECHO\/VIA DE HECHO-Procedencia excepcional de tutela \u00a0 VIA DE HECHO-Clases de defectos en la actuaci\u00f3n \u00a0 VIA DE HECHO-Error evidente, manifiesto y burdo por el juez ordinario \u00a0 El desconocimiento por el juez de las pautas normativas que rigen su actuaci\u00f3n debe ser evidente, manifiesto y burdo, para que su comportamiento y la providencia que ha dictado puedan ser impugnados por v\u00eda de tutela. No es posible cuestionar, por v\u00eda de tutela, una sentencia, \u00fanicamente porque el actor o el juez constitucional consideran que la valoraci\u00f3n probatoria o la ...<br \/><div class=\"pt-cv-rmwrap\"><a href=\"https:\/\/www.dmsjuridica.com\/buscador_20179478954\/corteconstitucionalcronologico202454587\/t-1267-01\/\" class=\"_self pt-cv-readmore btn btn-success\" target=\"_self\">Ver Sentencia Completa...<\/a><\/div><\/div><\/div><\/div>\n<div class=\"col-md-12 col-sm-12 col-xs-12 pt-cv-content-item pt-cv-1-col\" ><div class='pt-cv-ifield'><a href=\"https:\/\/www.dmsjuridica.com\/buscador_20179478954\/corteconstitucionalcronologico202454587\/t-1266-01\/\" class=\"_self pt-cv-href-thumbnail pt-cv-thumb-default\" target=\"_self\" ><\/a>\n<div class=\"pt-cv-taxoterm above_title\"><a href='https:\/\/www.dmsjuridica.com\/buscador_20179478954\/corteconstitucionalcronologico202454587\/category\/buscar-en-toda-la-corte\/2001\/tutelas-2001\/' title='Tutelas 2001' class='pt-cv-tax-tutelas-2001'>Tutelas 2001<\/a><\/div>\n<h4 class=\"pt-cv-title\"><a href=\"https:\/\/www.dmsjuridica.com\/buscador_20179478954\/corteconstitucionalcronologico202454587\/t-1266-01\/\" class=\"_self\" target=\"_self\" >T-1266-01<\/a><\/h4>\n<div class=\"pt-cv-content\">\u00a0 \u00a0 \u00a0\u00a0 Sentencia T-1266\/01 \u00a0 DERECHO A LA SALUD-Pr\u00e1ctica de endoscopia \u00a0 Si bien el examen que necesita la actora, no puede considerarse como una urgencia, tampoco puede verse como un simple examen electivo, tal como lo clasifica la Direcci\u00f3n Seccional de Salud de Antioquia, para negar su realizaci\u00f3n. La endoscopia, es un examen de tipo diagn\u00f3stico, que pretende detectar cual es el origen de los constantes dolores abdominales de la actora y empezar el tratamiento que permita mejorar su calidad de vida. \u00a0 DERECHO A LA SALUD-Informaci\u00f3n completa sobre pr\u00e1ctica de examen \u00a0 Esta Sala de Revisi\u00f3n proteger\u00e1 ...<br \/><div class=\"pt-cv-rmwrap\"><a href=\"https:\/\/www.dmsjuridica.com\/buscador_20179478954\/corteconstitucionalcronologico202454587\/t-1266-01\/\" class=\"_self pt-cv-readmore btn btn-success\" target=\"_self\">Ver Sentencia Completa...<\/a><\/div><\/div><\/div><\/div>\n<div class=\"col-md-12 col-sm-12 col-xs-12 pt-cv-content-item pt-cv-1-col\" ><div class='pt-cv-ifield'><a href=\"https:\/\/www.dmsjuridica.com\/buscador_20179478954\/corteconstitucionalcronologico202454587\/t-1265-01\/\" class=\"_self pt-cv-href-thumbnail pt-cv-thumb-default\" target=\"_self\" ><\/a>\n<div class=\"pt-cv-taxoterm above_title\"><a href='https:\/\/www.dmsjuridica.com\/buscador_20179478954\/corteconstitucionalcronologico202454587\/category\/buscar-en-toda-la-corte\/2001\/tutelas-2001\/' title='Tutelas 2001' class='pt-cv-tax-tutelas-2001'>Tutelas 2001<\/a><\/div>\n<h4 class=\"pt-cv-title\"><a href=\"https:\/\/www.dmsjuridica.com\/buscador_20179478954\/corteconstitucionalcronologico202454587\/t-1265-01\/\" class=\"_self\" target=\"_self\" >T-1265-01<\/a><\/h4>\n<div class=\"pt-cv-content\">\u00a0 \u00a0 \u00a0\u00a0 Sentencia T-1265\/01 \u00a0 DERECHO A LA SEGURIDAD SOCIAL-Eficacia directa \u00a0 En el caso del derecho a la seguridad social, el constituyente fue mucho m\u00e1s enf\u00e1tico y configur\u00f3 un derecho fundamental de eficacia directa a favor de todos los ni\u00f1os menores de un a\u00f1o que no est\u00e9n cubiertos por alg\u00fan tipo de protecci\u00f3n o de seguridad social, de tal manera que reciban atenci\u00f3n gratuita en todas las instituciones de salud que reciban aportes del Estado \u00a0-Art\u00edculo 50 del Texto Fundamental. De este modo, cuando se est\u00e1 ante un derecho de los previstos en el art\u00edculo 44 de la ...<br \/><div class=\"pt-cv-rmwrap\"><a href=\"https:\/\/www.dmsjuridica.com\/buscador_20179478954\/corteconstitucionalcronologico202454587\/t-1265-01\/\" class=\"_self pt-cv-readmore btn btn-success\" target=\"_self\">Ver Sentencia Completa...<\/a><\/div><\/div><\/div><\/div>\n<div class=\"col-md-12 col-sm-12 col-xs-12 pt-cv-content-item pt-cv-1-col\" ><div class='pt-cv-ifield'><a href=\"https:\/\/www.dmsjuridica.com\/buscador_20179478954\/corteconstitucionalcronologico202454587\/t-1264-01\/\" class=\"_self pt-cv-href-thumbnail pt-cv-thumb-default\" target=\"_self\" ><\/a>\n<div class=\"pt-cv-taxoterm above_title\"><a href='https:\/\/www.dmsjuridica.com\/buscador_20179478954\/corteconstitucionalcronologico202454587\/category\/buscar-en-toda-la-corte\/2001\/tutelas-2001\/' title='Tutelas 2001' class='pt-cv-tax-tutelas-2001'>Tutelas 2001<\/a><\/div>\n<h4 class=\"pt-cv-title\"><a href=\"https:\/\/www.dmsjuridica.com\/buscador_20179478954\/corteconstitucionalcronologico202454587\/t-1264-01\/\" class=\"_self\" target=\"_self\" >T-1264-01<\/a><\/h4>\n<div class=\"pt-cv-content\">\u00a0 \u00a0 \u00a0\u00a0 Sentencia T-1264\/01 \u00a0 ACCION DE TUTELA-Improcedencia para imponer a EPS obligaci\u00f3n de atender en forma vitalicia a menor de edad\/FAMILIA-Primer estadio responsable de garantizar la protecci\u00f3n especial de los ni\u00f1os \u00a0 Esta Sala debe recordar que conforme lo dispone el art\u00edculo 44 de la Constituci\u00f3n Pol\u00edtica, no s\u00f3lo es el Estado el que tiene el deber de asistir y proteger al ni\u00f1o para garantizar su desarrollo arm\u00f3nico e integral, sino que de esa obligaci\u00f3n tambi\u00e9n son sujetos pasivos la familia y la sociedad, y en virtud de ello, imponer a una E.P.S. la obligaci\u00f3n de atender de ...<br \/><div class=\"pt-cv-rmwrap\"><a href=\"https:\/\/www.dmsjuridica.com\/buscador_20179478954\/corteconstitucionalcronologico202454587\/t-1264-01\/\" class=\"_self pt-cv-readmore btn btn-success\" target=\"_self\">Ver Sentencia Completa...<\/a><\/div><\/div><\/div><\/div>\n<div class=\"col-md-12 col-sm-12 col-xs-12 pt-cv-content-item pt-cv-1-col\" ><div class='pt-cv-ifield'><a href=\"https:\/\/www.dmsjuridica.com\/buscador_20179478954\/corteconstitucionalcronologico202454587\/t-1263-01\/\" class=\"_self pt-cv-href-thumbnail pt-cv-thumb-default\" target=\"_self\" ><\/a>\n<div class=\"pt-cv-taxoterm above_title\"><a href='https:\/\/www.dmsjuridica.com\/buscador_20179478954\/corteconstitucionalcronologico202454587\/category\/buscar-en-toda-la-corte\/2001\/tutelas-2001\/' title='Tutelas 2001' class='pt-cv-tax-tutelas-2001'>Tutelas 2001<\/a><\/div>\n<h4 class=\"pt-cv-title\"><a href=\"https:\/\/www.dmsjuridica.com\/buscador_20179478954\/corteconstitucionalcronologico202454587\/t-1263-01\/\" class=\"_self\" target=\"_self\" >T-1263-01<\/a><\/h4>\n<div class=\"pt-cv-content\">\u00a0 \u00a0 \u00a0\u00a0 Sentencia T-1263\/01 \u00a0 DEBIDO PROCESO ADMINISTRATIVO-Fundamental \u00a0 El derecho fundamental al debido proceso se consagra constitucionalmente como la garant\u00eda que tiene toda persona a un proceso justo y adecuado, esto es, que en el momento en que el Estado pretenda comprometer o privar a alguien de un bien jur\u00eddico no puede hacerlo sacrificando o suspendiendo derechos fundamentales. El debido proceso constituye una garant\u00eda infranqueable para todo acto en el que se pretenda \u2013legitimamente- imponer sanciones, cargas o castigos. Constituye un l\u00edmite al abuso del poder de sancionar y con mayor raz\u00f3n, se considera un principio rector de ...<br \/><div class=\"pt-cv-rmwrap\"><a href=\"https:\/\/www.dmsjuridica.com\/buscador_20179478954\/corteconstitucionalcronologico202454587\/t-1263-01\/\" class=\"_self pt-cv-readmore btn btn-success\" target=\"_self\">Ver Sentencia Completa...<\/a><\/div><\/div><\/div><\/div>\n<div class=\"col-md-12 col-sm-12 col-xs-12 pt-cv-content-item pt-cv-1-col\" ><div class='pt-cv-ifield'><a href=\"https:\/\/www.dmsjuridica.com\/buscador_20179478954\/corteconstitucionalcronologico202454587\/t-126-01\/\" class=\"_self pt-cv-href-thumbnail pt-cv-thumb-default\" target=\"_self\" ><\/a>\n<div class=\"pt-cv-taxoterm above_title\"><a href='https:\/\/www.dmsjuridica.com\/buscador_20179478954\/corteconstitucionalcronologico202454587\/category\/buscar-en-toda-la-corte\/2001\/tutelas-2001\/' title='Tutelas 2001' class='pt-cv-tax-tutelas-2001'>Tutelas 2001<\/a><\/div>\n<h4 class=\"pt-cv-title\"><a href=\"https:\/\/www.dmsjuridica.com\/buscador_20179478954\/corteconstitucionalcronologico202454587\/t-126-01\/\" class=\"_self\" target=\"_self\" >T-126-01<\/a><\/h4>\n<div class=\"pt-cv-content\">\u00a0 \u00a0 Sentencia T-126\/01 \u00a0 ACCION DE TUTELA-Hecho superado por pago de acreencias laborales \u00a0 Referencia: expediente T-302621 \u00a0 Acci\u00f3n de tutela instaurada por Gloria Cecilia Diaza Rond\u00f3n contra la Alcald\u00eda de Pueblo Viejo (Magdalena). \u00a0 Dr. ALEJANDRO MART\u00cdNEZ CABALLERO \u00a0 Bogot\u00e1, D.C., a los cinco (5) d\u00edas del mes de febrero del a\u00f1o dos mil uno (2001). \u00a0\u00a0 \u00a0 La Sala Sexta de Revisi\u00f3n de Tutelas de la Corte Constitucional, en ejercicio de sus competencias constitucionales y legales, ha proferido la siguiente \u00a0 SENTENCIA \u00a0 dentro del proceso de revisi\u00f3n de los fallos de diciembre 15 de 1999, proferido ...<br \/><div class=\"pt-cv-rmwrap\"><a href=\"https:\/\/www.dmsjuridica.com\/buscador_20179478954\/corteconstitucionalcronologico202454587\/t-126-01\/\" class=\"_self pt-cv-readmore btn btn-success\" target=\"_self\">Ver Sentencia Completa...<\/a><\/div><\/div><\/div><\/div>\n<div class=\"col-md-12 col-sm-12 col-xs-12 pt-cv-content-item pt-cv-1-col\" ><div class='pt-cv-ifield'><a href=\"https:\/\/www.dmsjuridica.com\/buscador_20179478954\/corteconstitucionalcronologico202454587\/t-125-01\/\" class=\"_self pt-cv-href-thumbnail pt-cv-thumb-default\" target=\"_self\" ><\/a>\n<div class=\"pt-cv-taxoterm above_title\"><a href='https:\/\/www.dmsjuridica.com\/buscador_20179478954\/corteconstitucionalcronologico202454587\/category\/buscar-en-toda-la-corte\/2001\/tutelas-2001\/' title='Tutelas 2001' class='pt-cv-tax-tutelas-2001'>Tutelas 2001<\/a><\/div>\n<h4 class=\"pt-cv-title\"><a href=\"https:\/\/www.dmsjuridica.com\/buscador_20179478954\/corteconstitucionalcronologico202454587\/t-125-01\/\" class=\"_self\" target=\"_self\" >T-125-01<\/a><\/h4>\n<div class=\"pt-cv-content\">\u00a0 \u00a0 Sentencia T-125\/01 \u00a0 ACCION DE TUTELA-Hecho superado por pago de acreencias laborales \u00a0 Referencia: expediente T-300301 \u00a0 Acciones de tutela instauradas por Emilce Bonza Bayona y otros contra el Ministerio de Hacienda y Cr\u00e9dito P\u00fablico. \u00a0 Magistrado Ponente: \u00a0 Dr. ALEJANDRO MART\u00cdNEZ CABALLERO \u00a0 Bogot\u00e1, D.C., a los cinco (5) d\u00edas del mes de febrero del a\u00f1o dos mil uno (2001). \u00a0 \u00a0 La Sala Sexta de Revisi\u00f3n de Tutelas de la Corte Constitucional, en ejercicio de sus competencias constitucionales y legales, ha proferido la siguiente \u00a0 SENTENCIA \u00a0 dentro del proceso de revisi\u00f3n del fallo de 28 ...<br \/><div class=\"pt-cv-rmwrap\"><a href=\"https:\/\/www.dmsjuridica.com\/buscador_20179478954\/corteconstitucionalcronologico202454587\/t-125-01\/\" class=\"_self pt-cv-readmore btn btn-success\" target=\"_self\">Ver Sentencia Completa...<\/a><\/div><\/div><\/div><\/div>\n<div class=\"col-md-12 col-sm-12 col-xs-12 pt-cv-content-item pt-cv-1-col\" ><div class='pt-cv-ifield'><a href=\"https:\/\/www.dmsjuridica.com\/buscador_20179478954\/corteconstitucionalcronologico202454587\/t-1245-01\/\" class=\"_self pt-cv-href-thumbnail pt-cv-thumb-default\" target=\"_self\" ><\/a>\n<div class=\"pt-cv-taxoterm above_title\"><a href='https:\/\/www.dmsjuridica.com\/buscador_20179478954\/corteconstitucionalcronologico202454587\/category\/buscar-en-toda-la-corte\/2001\/tutelas-2001\/' title='Tutelas 2001' class='pt-cv-tax-tutelas-2001'>Tutelas 2001<\/a><\/div>\n<h4 class=\"pt-cv-title\"><a href=\"https:\/\/www.dmsjuridica.com\/buscador_20179478954\/corteconstitucionalcronologico202454587\/t-1245-01\/\" class=\"_self\" target=\"_self\" >T-1245-01<\/a><\/h4>\n<div class=\"pt-cv-content\">\u00a0 \u00a0 \u00a0\u00a0 Sentencia T-1245\/01 \u00a0 DERECHO A LA SALUD DEL ENFERMO DE SIDA-Examen de carga viral fundamental para tratamiento del Sida \u00a0 INAPLICACION DE NORMAS DEL PLAN OBLIGATORIO DE SALUD-Casos en que procede por exclusi\u00f3n de tratamientos y medicamentos de alto costo \u00a0 ENTIDAD PROMOTORA DE SALUD-Repetici\u00f3n contra el Fosyga \u00a0 DERECHO A LA SALUD-Fundamental por conexidad con la vida\/DERECHO A LA SALUD DEL ENFERMO DE SIDA-Realizaci\u00f3n examen de carga viral \u00a0 Reiteraci\u00f3n de jurisprudencia \u00a0 Referencia: expediente T-500306 \u00a0 Acci\u00f3n de tutela incoada por Oscar Alejandro Florez Acevedo contra SUSALUD E.P.S. \u00a0 Magistrado Ponente: \u00a0 Dr. RODRIGO ESCOBAR ...<br \/><div class=\"pt-cv-rmwrap\"><a href=\"https:\/\/www.dmsjuridica.com\/buscador_20179478954\/corteconstitucionalcronologico202454587\/t-1245-01\/\" class=\"_self pt-cv-readmore btn btn-success\" target=\"_self\">Ver Sentencia Completa...<\/a><\/div><\/div><\/div><\/div>\n<div class=\"col-md-12 col-sm-12 col-xs-12 pt-cv-content-item pt-cv-1-col\" ><div class='pt-cv-ifield'><a href=\"https:\/\/www.dmsjuridica.com\/buscador_20179478954\/corteconstitucionalcronologico202454587\/t-1244-01\/\" class=\"_self pt-cv-href-thumbnail pt-cv-thumb-default\" target=\"_self\" ><\/a>\n<div class=\"pt-cv-taxoterm above_title\"><a href='https:\/\/www.dmsjuridica.com\/buscador_20179478954\/corteconstitucionalcronologico202454587\/category\/buscar-en-toda-la-corte\/2001\/tutelas-2001\/' title='Tutelas 2001' class='pt-cv-tax-tutelas-2001'>Tutelas 2001<\/a><\/div>\n<h4 class=\"pt-cv-title\"><a href=\"https:\/\/www.dmsjuridica.com\/buscador_20179478954\/corteconstitucionalcronologico202454587\/t-1244-01\/\" class=\"_self\" target=\"_self\" >T-1244-01<\/a><\/h4>\n<div class=\"pt-cv-content\">\u00a0 \u00a0 \u00a0\u00a0 Sentencia T-1244\/01 \u00a0 DERECHO DE PETICION-Alcance \u00a0 DERECHO DE PETICION-Pronta resoluci\u00f3n\/DERECHO DE PETICION-No comprende sentido de la decisi\u00f3n \u00a0 DERECHO DE PETICION-Negligencia administrativa no puede trasladarse a usuarios \u00a0 Los titulares de derechos prestacionales, quienes a trav\u00e9s del derecho de petici\u00f3n solicitan el reconocimiento de sus pensiones, no pueden ser v\u00edctimas de la desorganizaci\u00f3n administrativa, por falta de coordinaci\u00f3n entre las diferentes entidades que participan en el proceso administrativo de reconocimiento de dichas prestaciones. \u00a0 DERECHO DE PETICION ANTE EL SEGURO SOCIAL-Aplicaci\u00f3n anal\u00f3gica de t\u00e9rmino de cuatro meses para resolver reconocimiento de pensiones legales \u00a0 JUEZ CONSTITUCIONAL-Valoraci\u00f3n ...<br \/><div class=\"pt-cv-rmwrap\"><a href=\"https:\/\/www.dmsjuridica.com\/buscador_20179478954\/corteconstitucionalcronologico202454587\/t-1244-01\/\" class=\"_self pt-cv-readmore btn btn-success\" target=\"_self\">Ver Sentencia Completa...<\/a><\/div><\/div><\/div><\/div>\n<div class=\"col-md-12 col-sm-12 col-xs-12 pt-cv-content-item pt-cv-1-col\" ><div class='pt-cv-ifield'><a href=\"https:\/\/www.dmsjuridica.com\/buscador_20179478954\/corteconstitucionalcronologico202454587\/t-1243-01\/\" class=\"_self pt-cv-href-thumbnail pt-cv-thumb-default\" target=\"_self\" ><\/a>\n<div class=\"pt-cv-taxoterm above_title\"><a href='https:\/\/www.dmsjuridica.com\/buscador_20179478954\/corteconstitucionalcronologico202454587\/category\/buscar-en-toda-la-corte\/2001\/tutelas-2001\/' title='Tutelas 2001' class='pt-cv-tax-tutelas-2001'>Tutelas 2001<\/a><\/div>\n<h4 class=\"pt-cv-title\"><a href=\"https:\/\/www.dmsjuridica.com\/buscador_20179478954\/corteconstitucionalcronologico202454587\/t-1243-01\/\" class=\"_self\" target=\"_self\" >T-1243-01<\/a><\/h4>\n<div class=\"pt-cv-content\">\u00a0 \u00a0 \u00a0\u00a0 Sentencia T-1243\/01 \u00a0 SOCIEDAD CONYUGAL-Solicitudes con respecto a estos bienes deben ser decididas por juez competente \u00a0 Por el hecho del matrimonio surge la sociedad conyugal, la cual implica la formaci\u00f3n de una comunidad de bienes que ser\u00e1n objeto de liquidaci\u00f3n, partici\u00f3n y adjudicaci\u00f3n al momento de ocurrir alguna de las causales de disoluci\u00f3n previstas en la ley, para lo cual debe aplicarse el procedimiento legalmente previsto y que tiene como finalidad determinar la naturaleza de los bienes en sociales o propios, las recompensas y los pasivos de la sociedad conyugal. Tr\u00e1mite en el cual toda solicitud ...<br \/><div class=\"pt-cv-rmwrap\"><a href=\"https:\/\/www.dmsjuridica.com\/buscador_20179478954\/corteconstitucionalcronologico202454587\/t-1243-01\/\" class=\"_self pt-cv-readmore btn btn-success\" target=\"_self\">Ver Sentencia Completa...<\/a><\/div><\/div><\/div><\/div>\n<div class=\"col-md-12 col-sm-12 col-xs-12 pt-cv-content-item pt-cv-1-col\" ><div class='pt-cv-ifield'><a href=\"https:\/\/www.dmsjuridica.com\/buscador_20179478954\/corteconstitucionalcronologico202454587\/t-1241-01\/\" class=\"_self pt-cv-href-thumbnail pt-cv-thumb-default\" target=\"_self\" ><\/a>\n<div class=\"pt-cv-taxoterm above_title\"><a href='https:\/\/www.dmsjuridica.com\/buscador_20179478954\/corteconstitucionalcronologico202454587\/category\/buscar-en-toda-la-corte\/2001\/tutelas-2001\/' title='Tutelas 2001' class='pt-cv-tax-tutelas-2001'>Tutelas 2001<\/a><\/div>\n<h4 class=\"pt-cv-title\"><a href=\"https:\/\/www.dmsjuridica.com\/buscador_20179478954\/corteconstitucionalcronologico202454587\/t-1241-01\/\" class=\"_self\" target=\"_self\" >T-1241-01<\/a><\/h4>\n<div class=\"pt-cv-content\">\u00a0 \u00a0 \u00a0\u00a0 Sentencia T-1241\/01 \u00a0 CONCURSO DE MERITOS-Autoridades administrativas no pueden iniciar procesos de selecci\u00f3n \u00a0 En cuanto a la competencia de las autoridades administrativas de las distintas entidades que iniciaron procesos de selecci\u00f3n antes de la ejecutoria de la sentencia C-372 de 1999, para la Corte resulta claro que la consecuencia de la declaratoria de inexequibilidad fue la prohibici\u00f3n de iniciar nuevos procesos de selecci\u00f3n, pues tal competencia corresponde \u00fanica y exclusivamente a la Comisi\u00f3n Nacional del Servicio Civil. Las competencias para conformar listas de elegibles, realizar nombramientos, resolver recursos que se interpongan por irregularidades ocurridas dentro del ...<br \/><div class=\"pt-cv-rmwrap\"><a href=\"https:\/\/www.dmsjuridica.com\/buscador_20179478954\/corteconstitucionalcronologico202454587\/t-1241-01\/\" class=\"_self pt-cv-readmore btn btn-success\" target=\"_self\">Ver Sentencia Completa...<\/a><\/div><\/div><\/div><\/div>\n<div class=\"col-md-12 col-sm-12 col-xs-12 pt-cv-content-item pt-cv-1-col\" ><div class='pt-cv-ifield'><a href=\"https:\/\/www.dmsjuridica.com\/buscador_20179478954\/corteconstitucionalcronologico202454587\/t-1240-01\/\" class=\"_self pt-cv-href-thumbnail pt-cv-thumb-default\" target=\"_self\" ><\/a>\n<div class=\"pt-cv-taxoterm above_title\"><a href='https:\/\/www.dmsjuridica.com\/buscador_20179478954\/corteconstitucionalcronologico202454587\/category\/buscar-en-toda-la-corte\/2001\/tutelas-2001\/' title='Tutelas 2001' class='pt-cv-tax-tutelas-2001'>Tutelas 2001<\/a><\/div>\n<h4 class=\"pt-cv-title\"><a href=\"https:\/\/www.dmsjuridica.com\/buscador_20179478954\/corteconstitucionalcronologico202454587\/t-1240-01\/\" class=\"_self\" target=\"_self\" >T-1240-01<\/a><\/h4>\n<div class=\"pt-cv-content\">\u00a0 \u00a0 Sentencia T-1240\/01 \u00a0 ACCION DE TUTELA TRANSITORIA DE MUJER EMBARAZADA-Orden de pagar licencia de maternidad con base en salario m\u00ednimo legal \u00a0 En este caso se est\u00e1 en presencia de un perjuicio irremediable, por la situaci\u00f3n econ\u00f3mica por la que atraviesa la demandante, raz\u00f3n \u00e9sta que hace que se proteja de manera transitoria su maternidad y los derechos del ni\u00f1o reci\u00e9n nacido. En consecuencia, se tutelar\u00e1n los derechos vulnerados ordenando al demandado que cancele a la actora la suma correspondiente a la licencia de maternidad, con base en el salario m\u00ednimo legal mensual vigente en la \u00e9poca del ...<br \/><div class=\"pt-cv-rmwrap\"><a href=\"https:\/\/www.dmsjuridica.com\/buscador_20179478954\/corteconstitucionalcronologico202454587\/t-1240-01\/\" class=\"_self pt-cv-readmore btn btn-success\" target=\"_self\">Ver Sentencia Completa...<\/a><\/div><\/div><\/div><\/div>\n<div class=\"col-md-12 col-sm-12 col-xs-12 pt-cv-content-item pt-cv-1-col\" ><div class='pt-cv-ifield'><a href=\"https:\/\/www.dmsjuridica.com\/buscador_20179478954\/corteconstitucionalcronologico202454587\/t-124-01\/\" class=\"_self pt-cv-href-thumbnail pt-cv-thumb-default\" target=\"_self\" ><\/a>\n<div class=\"pt-cv-taxoterm above_title\"><a href='https:\/\/www.dmsjuridica.com\/buscador_20179478954\/corteconstitucionalcronologico202454587\/category\/buscar-en-toda-la-corte\/2001\/tutelas-2001\/' title='Tutelas 2001' class='pt-cv-tax-tutelas-2001'>Tutelas 2001<\/a><\/div>\n<h4 class=\"pt-cv-title\"><a href=\"https:\/\/www.dmsjuridica.com\/buscador_20179478954\/corteconstitucionalcronologico202454587\/t-124-01\/\" class=\"_self\" target=\"_self\" >T-124-01<\/a><\/h4>\n<div class=\"pt-cv-content\">\u00a0 \u00a0 Sentencia T-124\/01 \u00a0 ACCION DE TUTELA-Procedencia excepcional pago de mesadas pensionales \u00a0 ACCION DE TUTELA-Improcedencia por no afectaci\u00f3n del m\u00ednimo vital \u00a0 EMPLEADOR-Situaci\u00f3n econ\u00f3mica o presupuestal no es \u00f3bice para desconocer pago de mesadas pensionales \u00a0 Reiteraci\u00f3n de Jurisprudencia \u00a0 Referencia: expediente T-370370 \u00a0 Acci\u00f3n de tutela instaurada por Flaminio Figueroa Caceres contra Acer\u00edas Paz del R\u00edo S.A. \u00a0 Magistrado ponente: \u00a0 Dr. ALEJANDRO MART\u00cdNEZ CABALLERO \u00a0 Bogot\u00e1 D.C., al primer (1\u00b0) d\u00eda del mes de febrero de dos mil uno (2001). \u00a0 La Sala Sexta de Revisi\u00f3n de la Corte Constitucional, integrada por los Magistrados doctores Alejandro ...<br \/><div class=\"pt-cv-rmwrap\"><a href=\"https:\/\/www.dmsjuridica.com\/buscador_20179478954\/corteconstitucionalcronologico202454587\/t-124-01\/\" class=\"_self pt-cv-readmore btn btn-success\" target=\"_self\">Ver Sentencia Completa...<\/a><\/div><\/div><\/div><\/div>\n<div class=\"col-md-12 col-sm-12 col-xs-12 pt-cv-content-item pt-cv-1-col\" ><div class='pt-cv-ifield'><a href=\"https:\/\/www.dmsjuridica.com\/buscador_20179478954\/corteconstitucionalcronologico202454587\/t-1239-01\/\" class=\"_self pt-cv-href-thumbnail pt-cv-thumb-default\" target=\"_self\" ><\/a>\n<div class=\"pt-cv-taxoterm above_title\"><a href='https:\/\/www.dmsjuridica.com\/buscador_20179478954\/corteconstitucionalcronologico202454587\/category\/buscar-en-toda-la-corte\/2001\/tutelas-2001\/' title='Tutelas 2001' class='pt-cv-tax-tutelas-2001'>Tutelas 2001<\/a><\/div>\n<h4 class=\"pt-cv-title\"><a href=\"https:\/\/www.dmsjuridica.com\/buscador_20179478954\/corteconstitucionalcronologico202454587\/t-1239-01\/\" class=\"_self\" target=\"_self\" >T-1239-01<\/a><\/h4>\n<div class=\"pt-cv-content\">DERECHO A LA SALUD DE PERSONA DE LA TERCERA EDAD-Suministro de aud\u00edfonos \u00a0 Reiteraci\u00f3n de Jurisprudencia\u00a0 \u00a0 Referencia: expediente T-470208 \u00a0 \u00a0 Acci\u00f3n de tutela instaurada por Francisco Javier Rodr\u00edguez Rodr\u00edguez contra la EPS OC SALUDCOOP.\u00a0 \u00a0 Magistrado Ponente: \u00a0 Dr. JAIME C\u00d3RDOBA TRIVI\u00d1O \u00a0 Bogot\u00e1, D.C., \u00a0veintitr\u00e9s (23) de noviembre de dos mil uno (2001). \u00a0 La Sala Cuarta de Revisi\u00f3n de la Corte Constitucional, en ejercicio de sus competencias constitucionales y legales, espec\u00edficamente las previstas en los art\u00edculos 86 y \u00a0241 numeral 9 de la Constituci\u00f3n Pol\u00edtica y en el Decreto 2591 de 1991, ha proferido la siguiente ...<br \/><div class=\"pt-cv-rmwrap\"><a href=\"https:\/\/www.dmsjuridica.com\/buscador_20179478954\/corteconstitucionalcronologico202454587\/t-1239-01\/\" class=\"_self pt-cv-readmore btn btn-success\" target=\"_self\">Ver Sentencia Completa...<\/a><\/div><\/div><\/div><\/div>\n<div class=\"col-md-12 col-sm-12 col-xs-12 pt-cv-content-item pt-cv-1-col\" ><div class='pt-cv-ifield'><a href=\"https:\/\/www.dmsjuridica.com\/buscador_20179478954\/corteconstitucionalcronologico202454587\/t-1238-01\/\" class=\"_self pt-cv-href-thumbnail pt-cv-thumb-default\" target=\"_self\" ><\/a>\n<div class=\"pt-cv-taxoterm above_title\"><a href='https:\/\/www.dmsjuridica.com\/buscador_20179478954\/corteconstitucionalcronologico202454587\/category\/buscar-en-toda-la-corte\/2001\/tutelas-2001\/' title='Tutelas 2001' class='pt-cv-tax-tutelas-2001'>Tutelas 2001<\/a><\/div>\n<h4 class=\"pt-cv-title\"><a href=\"https:\/\/www.dmsjuridica.com\/buscador_20179478954\/corteconstitucionalcronologico202454587\/t-1238-01\/\" class=\"_self\" target=\"_self\" >T-1238-01<\/a><\/h4>\n<div class=\"pt-cv-content\">\u00a0 \u00a0 Sentencia T-1238\/01 \u00a0 SEGURO SOCIAL-T\u00e9rmino para resolver petici\u00f3n de reconocimiento de pensiones legales \u00a0 SOCIEDAD ADMINISTRADORA DE FONDO DE PENSIONES-Destinatarios de ahorro individual y no del Seguro Social \u00a0 DERECHO DE PETICION ANTE EL SEGURO SOCIAL-Aplicaci\u00f3n anal\u00f3gica de t\u00e9rmino de cuatro meses para resolver reconocimiento de pensiones legales \u00a0 Referencia: expediente T-486473. Acci\u00f3n de tutela formulada por Mar\u00eda Vargas de Reales contra el Instituto de Seguro Social, Seccional Atl\u00e1ntico.\u00a0 \u00a0 Magistrada Ponente: \u00a0 Dra. CLARA IN\u00c9S VARGAS HERN\u00c1NDEZ \u00a0 Bogot\u00e1, \u00a0D. C., veintid\u00f3s (22) de noviembre de dos mil uno (2001). \u00a0 La Sala Novena de Revisi\u00f3n de ...<br \/><div class=\"pt-cv-rmwrap\"><a href=\"https:\/\/www.dmsjuridica.com\/buscador_20179478954\/corteconstitucionalcronologico202454587\/t-1238-01\/\" class=\"_self pt-cv-readmore btn btn-success\" target=\"_self\">Ver Sentencia Completa...<\/a><\/div><\/div><\/div><\/div>\n<div class=\"col-md-12 col-sm-12 col-xs-12 pt-cv-content-item pt-cv-1-col\" ><div class='pt-cv-ifield'><a href=\"https:\/\/www.dmsjuridica.com\/buscador_20179478954\/corteconstitucionalcronologico202454587\/t-1237-01\/\" class=\"_self pt-cv-href-thumbnail pt-cv-thumb-default\" target=\"_self\" ><\/a>\n<div class=\"pt-cv-taxoterm above_title\"><a href='https:\/\/www.dmsjuridica.com\/buscador_20179478954\/corteconstitucionalcronologico202454587\/category\/buscar-en-toda-la-corte\/2001\/tutelas-2001\/' title='Tutelas 2001' class='pt-cv-tax-tutelas-2001'>Tutelas 2001<\/a><\/div>\n<h4 class=\"pt-cv-title\"><a href=\"https:\/\/www.dmsjuridica.com\/buscador_20179478954\/corteconstitucionalcronologico202454587\/t-1237-01\/\" class=\"_self\" target=\"_self\" >T-1237-01<\/a><\/h4>\n<div class=\"pt-cv-content\">\u00a0 \u00a0 Sentencia T-1237\/01 \u00a0 DERECHO A LA SALUD DEL ENFERMO MENTAL-Reclusi\u00f3n en instituci\u00f3n especializada \u00a0 Para tratar a la enferma es indispensable, necesario e ineludible, recluirla en una instituci\u00f3n especializada para patolog\u00edas mentales, pues no cuenta con miembros de su familia que est\u00e9n dispuestos o en condiciones para comprender esa patolog\u00eda y contribuir a su recuperaci\u00f3n. Los comportamientos de la enferma desplegados en el mencionado hospital cuando estuvo recluida, permiten entender porqu\u00e9 sus familiares la mantienen encerrada y la hacen v\u00edctima de maltrato f\u00edsico. En ese sentido, es claro que su vida e integridad f\u00edsica est\u00e1n en latente peligro ...<br \/><div class=\"pt-cv-rmwrap\"><a href=\"https:\/\/www.dmsjuridica.com\/buscador_20179478954\/corteconstitucionalcronologico202454587\/t-1237-01\/\" class=\"_self pt-cv-readmore btn btn-success\" target=\"_self\">Ver Sentencia Completa...<\/a><\/div><\/div><\/div><\/div>\n<div class=\"col-md-12 col-sm-12 col-xs-12 pt-cv-content-item pt-cv-1-col\" ><div class='pt-cv-ifield'><a href=\"https:\/\/www.dmsjuridica.com\/buscador_20179478954\/corteconstitucionalcronologico202454587\/t-1236-01\/\" class=\"_self pt-cv-href-thumbnail pt-cv-thumb-default\" target=\"_self\" ><\/a>\n<div class=\"pt-cv-taxoterm above_title\"><a href='https:\/\/www.dmsjuridica.com\/buscador_20179478954\/corteconstitucionalcronologico202454587\/category\/buscar-en-toda-la-corte\/2001\/tutelas-2001\/' title='Tutelas 2001' class='pt-cv-tax-tutelas-2001'>Tutelas 2001<\/a><\/div>\n<h4 class=\"pt-cv-title\"><a href=\"https:\/\/www.dmsjuridica.com\/buscador_20179478954\/corteconstitucionalcronologico202454587\/t-1236-01\/\" class=\"_self\" target=\"_self\" >T-1236-01<\/a><\/h4>\n<div class=\"pt-cv-content\">\u00a0 \u00a0 Sentencia T-1236\/01 \u00a0 REGLAMENTO EDUCATIVO-Establecimiento de normas sujeto a la Constituci\u00f3n \u00a0 Los reglamentos y manuales de convivencia de las instituciones educativas deben entonces estar conformes con la normativa constitucional, y no pueden entrar a regular aspectos que de alguna manera puedan afectar los derechos fundamentales de los educandos.\u00a0 \u00a0 REGLAMENTO EDUCATIVO-Contenido \u00a0 Los colegios gozan de autonom\u00eda para expedir las disposiciones que habr\u00e1n de regular la convivencia en la comunidad educativa. Sin embargo, dicha facultad no es absoluta, pues los reglamentos educativos deben ser (i) participativos y adem\u00e1s deben ser (ii) un \"reflejo mediato de las normas ...<br \/><div class=\"pt-cv-rmwrap\"><a href=\"https:\/\/www.dmsjuridica.com\/buscador_20179478954\/corteconstitucionalcronologico202454587\/t-1236-01\/\" class=\"_self pt-cv-readmore btn btn-success\" target=\"_self\">Ver Sentencia Completa...<\/a><\/div><\/div><\/div><\/div>\n<div class=\"col-md-12 col-sm-12 col-xs-12 pt-cv-content-item pt-cv-1-col\" ><div class='pt-cv-ifield'><a href=\"https:\/\/www.dmsjuridica.com\/buscador_20179478954\/corteconstitucionalcronologico202454587\/t-1235-01\/\" class=\"_self pt-cv-href-thumbnail pt-cv-thumb-default\" target=\"_self\" ><\/a>\n<div class=\"pt-cv-taxoterm above_title\"><a href='https:\/\/www.dmsjuridica.com\/buscador_20179478954\/corteconstitucionalcronologico202454587\/category\/buscar-en-toda-la-corte\/2001\/tutelas-2001\/' title='Tutelas 2001' class='pt-cv-tax-tutelas-2001'>Tutelas 2001<\/a><\/div>\n<h4 class=\"pt-cv-title\"><a href=\"https:\/\/www.dmsjuridica.com\/buscador_20179478954\/corteconstitucionalcronologico202454587\/t-1235-01\/\" class=\"_self\" target=\"_self\" >T-1235-01<\/a><\/h4>\n<div class=\"pt-cv-content\">\u00a0 \u00a0 Sentencia T-1235\/01 \u00a0 DERECHO A LA IGUALDAD-Trato diferenciado \u00a0 DERECHO A LA IGUALDAD-Inexistencia de trato desigual o discriminatorio \u00a0 En el asunto bajo estudio el demandante no aport\u00f3 el t\u00e9rmino de comparaci\u00f3n que permita inferir un trato desigual y por ello no era procedente acceder al amparo de tutela del derecho fundamental a la igualdad. \u00a0Tampoco se evidencia de la situaci\u00f3n f\u00e1ctica y de las pruebas aportadas que se le haya dado alg\u00fan tratamiento desigual o discriminatorio. \u00a0 El actor se encontraba cumpliendo una pena de prisi\u00f3n impuesta mediante una sentencia ejecutoriada y en firme, contra la cual ...<br \/><div class=\"pt-cv-rmwrap\"><a href=\"https:\/\/www.dmsjuridica.com\/buscador_20179478954\/corteconstitucionalcronologico202454587\/t-1235-01\/\" class=\"_self pt-cv-readmore btn btn-success\" target=\"_self\">Ver Sentencia Completa...<\/a><\/div><\/div><\/div><\/div>\n<div class=\"col-md-12 col-sm-12 col-xs-12 pt-cv-content-item pt-cv-1-col\" ><div class='pt-cv-ifield'><a href=\"https:\/\/www.dmsjuridica.com\/buscador_20179478954\/corteconstitucionalcronologico202454587\/t-1234-01\/\" class=\"_self pt-cv-href-thumbnail pt-cv-thumb-default\" target=\"_self\" ><\/a>\n<div class=\"pt-cv-taxoterm above_title\"><a href='https:\/\/www.dmsjuridica.com\/buscador_20179478954\/corteconstitucionalcronologico202454587\/category\/buscar-en-toda-la-corte\/2001\/tutelas-2001\/' title='Tutelas 2001' class='pt-cv-tax-tutelas-2001'>Tutelas 2001<\/a><\/div>\n<h4 class=\"pt-cv-title\"><a href=\"https:\/\/www.dmsjuridica.com\/buscador_20179478954\/corteconstitucionalcronologico202454587\/t-1234-01\/\" class=\"_self\" target=\"_self\" >T-1234-01<\/a><\/h4>\n<div class=\"pt-cv-content\">\u00a0 \u00a0 Sentencia T-1234\/01 \u00a0 ENFERMEDAD PROFESIONAL-Definici\u00f3n \u00a0 Se considera enfermedad profesional todo estado patol\u00f3gico permanente o temporal que sobrevenga como consecuencia obligada o directa de la clase de trabajo que desempe\u00f1a el trabajador, o del medio en que se ha visto obligado a \u00a0trabajar, y que haya sido determinada como enfermedad profesional por el Gobierno Nacional; para lo cual en forma peri\u00f3dica y o\u00eddo el concepto del Consejo Nacional de Riesgos Profesionales se determinar\u00e1n las enfermedades que se consideran como profesionales. De otra parte, el hecho de que una patolog\u00eda no figure en la tabla de enfermedades profesionales, no ...<br \/><div class=\"pt-cv-rmwrap\"><a href=\"https:\/\/www.dmsjuridica.com\/buscador_20179478954\/corteconstitucionalcronologico202454587\/t-1234-01\/\" class=\"_self pt-cv-readmore btn btn-success\" target=\"_self\">Ver Sentencia Completa...<\/a><\/div><\/div><\/div><\/div>\n<div class=\"col-md-12 col-sm-12 col-xs-12 pt-cv-content-item pt-cv-1-col\" ><div class='pt-cv-ifield'><a href=\"https:\/\/www.dmsjuridica.com\/buscador_20179478954\/corteconstitucionalcronologico202454587\/t-1233-01\/\" class=\"_self pt-cv-href-thumbnail pt-cv-thumb-default\" target=\"_self\" ><\/a>\n<div class=\"pt-cv-taxoterm above_title\"><a href='https:\/\/www.dmsjuridica.com\/buscador_20179478954\/corteconstitucionalcronologico202454587\/category\/buscar-en-toda-la-corte\/2001\/tutelas-2001\/' title='Tutelas 2001' class='pt-cv-tax-tutelas-2001'>Tutelas 2001<\/a><\/div>\n<h4 class=\"pt-cv-title\"><a href=\"https:\/\/www.dmsjuridica.com\/buscador_20179478954\/corteconstitucionalcronologico202454587\/t-1233-01\/\" class=\"_self\" target=\"_self\" >T-1233-01<\/a><\/h4>\n<div class=\"pt-cv-content\">\u00a0 \u00a0 Sentencia T-1233\/01 \u00a0 DERECHO A LA INTIMIDAD PERSONAL Y FAMILIAR-Exhibici\u00f3n p\u00fablica de fotograf\u00eda \u00a0 Toda persona, a partir del momento en que despliega sus pasos por las aceras, caminos, plazas u otros lugares de uso p\u00fablico, t\u00e1citamente se asume y reconoce frente a los dem\u00e1s en tanto sujeto observador y en tanto sujeto observado, entorno en el que de alg\u00fan modo y con particular intensidad cada cual percibe la influencia de lo colectivo sobre su conducta de transe\u00fante, y por supuesto, siente el peso de los controles sociales en cada segmento de su trasegar, result\u00e1ndole claro tarde o ...<br \/><div class=\"pt-cv-rmwrap\"><a href=\"https:\/\/www.dmsjuridica.com\/buscador_20179478954\/corteconstitucionalcronologico202454587\/t-1233-01\/\" class=\"_self pt-cv-readmore btn btn-success\" target=\"_self\">Ver Sentencia Completa...<\/a><\/div><\/div><\/div><\/div>\n<div class=\"col-md-12 col-sm-12 col-xs-12 pt-cv-content-item pt-cv-1-col\" ><div class='pt-cv-ifield'><a href=\"https:\/\/www.dmsjuridica.com\/buscador_20179478954\/corteconstitucionalcronologico202454587\/t-1232-01\/\" class=\"_self pt-cv-href-thumbnail pt-cv-thumb-default\" target=\"_self\" ><\/a>\n<div class=\"pt-cv-taxoterm above_title\"><a href='https:\/\/www.dmsjuridica.com\/buscador_20179478954\/corteconstitucionalcronologico202454587\/category\/buscar-en-toda-la-corte\/2001\/tutelas-2001\/' title='Tutelas 2001' class='pt-cv-tax-tutelas-2001'>Tutelas 2001<\/a><\/div>\n<h4 class=\"pt-cv-title\"><a href=\"https:\/\/www.dmsjuridica.com\/buscador_20179478954\/corteconstitucionalcronologico202454587\/t-1232-01\/\" class=\"_self\" target=\"_self\" >T-1232-01<\/a><\/h4>\n<div class=\"pt-cv-content\">\u00a0 \u00a0 Sentencia T-1232\/01 \u00a0 PENSION DE SOBREVIVIENTES-Suspensi\u00f3n invocando disposici\u00f3n anterior a la Constituci\u00f3n y desconociendo ley de seguridad social \u00a0 PENSION DE SOBREVIVIENTES-Hijo mayor de edad incapacitado para trabajar por raz\u00f3n de estudios \u00a0 REVOCACION DIRECTA DE ACTO ADMINISTRATIVO PARTICULAR Y CONCRETO-Consentimiento expreso y escrito del titular \u00a0 ACCION DE TUTELA-Demostraci\u00f3n de admisi\u00f3n en Instituci\u00f3n de Educaci\u00f3n Superior \u00a0 Comoquiera que es requisito sine qua non para continuar percibiendo la prestaci\u00f3n pensional, el encontrarse incapacitado para trabajar por razones de estudio; se conceder\u00e1 la acci\u00f3n de tutela pero, condicionada a que el actor demuestre haber sido admitido a una ...<br \/><div class=\"pt-cv-rmwrap\"><a href=\"https:\/\/www.dmsjuridica.com\/buscador_20179478954\/corteconstitucionalcronologico202454587\/t-1232-01\/\" class=\"_self pt-cv-readmore btn btn-success\" target=\"_self\">Ver Sentencia Completa...<\/a><\/div><\/div><\/div><\/div>\n<div class=\"col-md-12 col-sm-12 col-xs-12 pt-cv-content-item pt-cv-1-col\" ><div class='pt-cv-ifield'><a href=\"https:\/\/www.dmsjuridica.com\/buscador_20179478954\/corteconstitucionalcronologico202454587\/t-1231-01\/\" class=\"_self pt-cv-href-thumbnail pt-cv-thumb-default\" target=\"_self\" ><\/a>\n<div class=\"pt-cv-taxoterm above_title\"><a href='https:\/\/www.dmsjuridica.com\/buscador_20179478954\/corteconstitucionalcronologico202454587\/category\/buscar-en-toda-la-corte\/2001\/tutelas-2001\/' title='Tutelas 2001' class='pt-cv-tax-tutelas-2001'>Tutelas 2001<\/a><\/div>\n<h4 class=\"pt-cv-title\"><a href=\"https:\/\/www.dmsjuridica.com\/buscador_20179478954\/corteconstitucionalcronologico202454587\/t-1231-01\/\" class=\"_self\" target=\"_self\" >T-1231-01<\/a><\/h4>\n<div class=\"pt-cv-content\">\u00a0 \u00a0 Sentencia T-1231\/01 \u00a0 COMPA\u00d1IA DE INVERSIONES DE LA FLOTA MERCANTE-Disponibilidad de recursos para pago de mesadas pensionales \u00a0 ACCION DE TUTELA-Procedencia excepcional pago de acreencias laborales \u00a0 DERECHO A LA SEGURIDAD SOCIAL-Fundamental por conexidad \u00a0 EMPRESA EN CONCORDATO O LIQUIDACION-Pago preferente de acreencias laborales \u00a0 ACCION DE TUTELA TRANSITORIA-Procedencia \u00a0 EMPRESA EN LIQUIDACION-Casos excepcionales para pago de mesadas pensionales \u00a0 FEDERACION NACIONAL DE CAFETEROS-Responsabilidad subsidiaria \u00a0 RESPONSABILIDAD SUBSIDIARIA DE SOCIEDAD MATRIZ \u00a0 \u00a0 Reiteraci\u00f3n de Jurisprudencia \u00a0 Referencia: expedientes T-374582 y T-445288. \u00a0 Acciones de tutela instauradas por Josefina Fern\u00e1ndez Blanco y Roberto N\u00fa\u00f1ez Ibarg\u00fcen contra la Compa\u00f1\u00eda ...<br \/><div class=\"pt-cv-rmwrap\"><a href=\"https:\/\/www.dmsjuridica.com\/buscador_20179478954\/corteconstitucionalcronologico202454587\/t-1231-01\/\" class=\"_self pt-cv-readmore btn btn-success\" target=\"_self\">Ver Sentencia Completa...<\/a><\/div><\/div><\/div><\/div>\n<div class=\"col-md-12 col-sm-12 col-xs-12 pt-cv-content-item pt-cv-1-col\" ><div class='pt-cv-ifield'><a href=\"https:\/\/www.dmsjuridica.com\/buscador_20179478954\/corteconstitucionalcronologico202454587\/t-1230-01\/\" class=\"_self pt-cv-href-thumbnail pt-cv-thumb-default\" target=\"_self\" ><\/a>\n<div class=\"pt-cv-taxoterm above_title\"><a href='https:\/\/www.dmsjuridica.com\/buscador_20179478954\/corteconstitucionalcronologico202454587\/category\/buscar-en-toda-la-corte\/2001\/tutelas-2001\/' title='Tutelas 2001' class='pt-cv-tax-tutelas-2001'>Tutelas 2001<\/a><\/div>\n<h4 class=\"pt-cv-title\"><a href=\"https:\/\/www.dmsjuridica.com\/buscador_20179478954\/corteconstitucionalcronologico202454587\/t-1230-01\/\" class=\"_self\" target=\"_self\" >T-1230-01<\/a><\/h4>\n<div class=\"pt-cv-content\">\u00a0 \u00a0 Sentencia T-1230\/01 \u00a0 ACCION DE TUTELA CONTRA ENTIDAD FINANCIERA-Procedencia por prestaci\u00f3n de servicio p\u00fablico \u00a0 PERSONA DE LA TERCERA EDAD-Trato constitucional preferente \u00a0 DERECHO AL MINIMO VITAL DE PERSONA DE LA TERCERA EDAD-Reintegro de ahorros depositados en cooperativa en liquidaci\u00f3n \u00a0 Referencia: expediente T-501508 \u00a0 Peticionarios: Salvador Romero Arce \u00a0 Accionado: Caja Cooperativa de Ahorro y Cr\u00e9dito Social - Cooperamos \u00a0 Magistrado Ponente:\u00a0 \u00a0 Dr. MARCO GERARDO MONROY CABRA \u00a0 Bogot\u00e1 D.C., \u00a0veintid\u00f3s (22) de noviembre de dos mil uno (2001) \u00a0 La Sala Sexta de Revisi\u00f3n de la Corte Constitucional, integrada por los Magistrados doctores, Rodrigo Uprimny ...<br \/><div class=\"pt-cv-rmwrap\"><a href=\"https:\/\/www.dmsjuridica.com\/buscador_20179478954\/corteconstitucionalcronologico202454587\/t-1230-01\/\" class=\"_self pt-cv-readmore btn btn-success\" target=\"_self\">Ver Sentencia Completa...<\/a><\/div><\/div><\/div><\/div>\n<div class=\"col-md-12 col-sm-12 col-xs-12 pt-cv-content-item pt-cv-1-col\" ><div class='pt-cv-ifield'><a href=\"https:\/\/www.dmsjuridica.com\/buscador_20179478954\/corteconstitucionalcronologico202454587\/t-123-01\/\" class=\"_self pt-cv-href-thumbnail pt-cv-thumb-default\" target=\"_self\" ><\/a>\n<div class=\"pt-cv-taxoterm above_title\"><a href='https:\/\/www.dmsjuridica.com\/buscador_20179478954\/corteconstitucionalcronologico202454587\/category\/buscar-en-toda-la-corte\/2001\/tutelas-2001\/' title='Tutelas 2001' class='pt-cv-tax-tutelas-2001'>Tutelas 2001<\/a><\/div>\n<h4 class=\"pt-cv-title\"><a href=\"https:\/\/www.dmsjuridica.com\/buscador_20179478954\/corteconstitucionalcronologico202454587\/t-123-01\/\" class=\"_self\" target=\"_self\" >T-123-01<\/a><\/h4>\n<div class=\"pt-cv-content\">\u00a0 \u00a0 Sentencia T-123\/01 \u00a0 ACCION DE TUTELA-No tiene por objeto solucionar problemas de tr\u00e1mite ante autoridades administrativas \u00a0 En el caso de autos se ha desvirtuado el genuino sentido y los prop\u00f3sitos de la acci\u00f3n de tutela. Esta no tiene por finalidad ayudar a los particulares a resolver los problemas de tr\u00e1mite administrativo que se les presenten en su relaci\u00f3n con las autoridades p\u00fablicas, y menos facilitar la obtenci\u00f3n de devoluciones cuando sumas de dinero han sido pagadas a la Administraci\u00f3n. Tampoco es propio de la acci\u00f3n de tutela - concebida tan s\u00f3lo para lograr la efectiva e inmediata ...<br \/><div class=\"pt-cv-rmwrap\"><a href=\"https:\/\/www.dmsjuridica.com\/buscador_20179478954\/corteconstitucionalcronologico202454587\/t-123-01\/\" class=\"_self pt-cv-readmore btn btn-success\" target=\"_self\">Ver Sentencia Completa...<\/a><\/div><\/div><\/div><\/div>\n<div class=\"col-md-12 col-sm-12 col-xs-12 pt-cv-content-item pt-cv-1-col\" ><div class='pt-cv-ifield'><a href=\"https:\/\/www.dmsjuridica.com\/buscador_20179478954\/corteconstitucionalcronologico202454587\/t-1229-01\/\" class=\"_self pt-cv-href-thumbnail pt-cv-thumb-default\" target=\"_self\" ><\/a>\n<div class=\"pt-cv-taxoterm above_title\"><a href='https:\/\/www.dmsjuridica.com\/buscador_20179478954\/corteconstitucionalcronologico202454587\/category\/buscar-en-toda-la-corte\/2001\/tutelas-2001\/' title='Tutelas 2001' class='pt-cv-tax-tutelas-2001'>Tutelas 2001<\/a><\/div>\n<h4 class=\"pt-cv-title\"><a href=\"https:\/\/www.dmsjuridica.com\/buscador_20179478954\/corteconstitucionalcronologico202454587\/t-1229-01\/\" class=\"_self\" target=\"_self\" >T-1229-01<\/a><\/h4>\n<div class=\"pt-cv-content\">\u00a0 \u00a0 Sentencia T-1229\/01 \u00a0 DERECHO A LA FILIACION-Atributo de la personalidad \u00a0 Para la Corte Constitucional ha sido claro que la filiaci\u00f3n es uno de los atributos de la personalidad jur\u00eddica, puesto que ella est\u00e1 indisolublemente ligada al estado civil de la persona, y que, en este sentido, las personas tienen dentro del derecho constitucional colombiano, un verdadero \"derecho a reclamar su verdadera filiaci\u00f3n\", \"como acertadamente lo denomin\u00f3, durante la vigencia de la anterior Constituci\u00f3n, la Corte Suprema de Justicia\". \u00a0 El nombre comprende adem\u00e1s del llamado nombre de pila, que distingue al individuo de los dem\u00e1s miembros de ...<br \/><div class=\"pt-cv-rmwrap\"><a href=\"https:\/\/www.dmsjuridica.com\/buscador_20179478954\/corteconstitucionalcronologico202454587\/t-1229-01\/\" class=\"_self pt-cv-readmore btn btn-success\" target=\"_self\">Ver Sentencia Completa...<\/a><\/div><\/div><\/div><\/div>\n<div class=\"col-md-12 col-sm-12 col-xs-12 pt-cv-content-item pt-cv-1-col\" ><div class='pt-cv-ifield'><a href=\"https:\/\/www.dmsjuridica.com\/buscador_20179478954\/corteconstitucionalcronologico202454587\/t-1228-01\/\" class=\"_self pt-cv-href-thumbnail pt-cv-thumb-default\" target=\"_self\" ><\/a>\n<div class=\"pt-cv-taxoterm above_title\"><a href='https:\/\/www.dmsjuridica.com\/buscador_20179478954\/corteconstitucionalcronologico202454587\/category\/buscar-en-toda-la-corte\/2001\/tutelas-2001\/' title='Tutelas 2001' class='pt-cv-tax-tutelas-2001'>Tutelas 2001<\/a><\/div>\n<h4 class=\"pt-cv-title\"><a href=\"https:\/\/www.dmsjuridica.com\/buscador_20179478954\/corteconstitucionalcronologico202454587\/t-1228-01\/\" class=\"_self\" target=\"_self\" >T-1228-01<\/a><\/h4>\n<div class=\"pt-cv-content\">\u00a0 \u00a0 Sentencia T-1228\/01 \u00a0 REVOCACION DIRECTA DE ACTO ADMINISTRATIVO PARTICULAR Y CONCRETO-Consentimiento expreso y escrito del titular \u00a0 ACTO PROPIO-Respeto \u00a0 DEBIDO PROCESO-Vulneraci\u00f3n por modificaci\u00f3n de acto administrativo \u00a0 Hay afectaci\u00f3n al debido proceso si la modificaci\u00f3n fue el resultado de un error f\u00e1ctico y si para corregir dicho error se profiere, como respuesta a una tutela ya iniciada, una Resoluci\u00f3n que modifica perjudicialmente a quien no ha dado autorizaci\u00f3n para ello. En estas circunstancias, se afecta a\u00fan mas el debido proceso porque se trata de darle a una Resoluci\u00f3n efectos antes de ser notificada. \u00a0 ACTO ADMINISTRATIVO-No produce ...<br \/><div class=\"pt-cv-rmwrap\"><a href=\"https:\/\/www.dmsjuridica.com\/buscador_20179478954\/corteconstitucionalcronologico202454587\/t-1228-01\/\" class=\"_self pt-cv-readmore btn btn-success\" target=\"_self\">Ver Sentencia Completa...<\/a><\/div><\/div><\/div><\/div>\n<div class=\"col-md-12 col-sm-12 col-xs-12 pt-cv-content-item pt-cv-1-col\" ><div class='pt-cv-ifield'><a href=\"https:\/\/www.dmsjuridica.com\/buscador_20179478954\/corteconstitucionalcronologico202454587\/t-1227-01\/\" class=\"_self pt-cv-href-thumbnail pt-cv-thumb-default\" target=\"_self\" ><\/a>\n<div class=\"pt-cv-taxoterm above_title\"><a href='https:\/\/www.dmsjuridica.com\/buscador_20179478954\/corteconstitucionalcronologico202454587\/category\/buscar-en-toda-la-corte\/2001\/tutelas-2001\/' title='Tutelas 2001' class='pt-cv-tax-tutelas-2001'>Tutelas 2001<\/a><\/div>\n<h4 class=\"pt-cv-title\"><a href=\"https:\/\/www.dmsjuridica.com\/buscador_20179478954\/corteconstitucionalcronologico202454587\/t-1227-01\/\" class=\"_self\" target=\"_self\" >T-1227-01<\/a><\/h4>\n<div class=\"pt-cv-content\">\u00a0 \u00a0 Sentencia T-1227\/01 \u00a0 MORA JUDICIAL-Justificaci\u00f3n por excesiva carga laboral \u00a0 Indudablemente para la Corte, como lo ha se\u00f1alado en varias providencias, la dilaci\u00f3n injustificada de los procesos constituye una grave y seria vulneraci\u00f3n de los derechos fundamentales mencionados. No obstante, esa dilaci\u00f3n ha de ser injustificada, como lo dispone la propia Carta Pol\u00edtica, pues, si la mora judicial obedece a circunstancias objetivas y razonables \u00a0ajenas a la voluntad del \u00a0fallador, mal podr\u00eda la Corte Constitucional acceder a las pretensiones de una tutela en ese sentido, sin analizar con sumo cuidado las razones de la mora judicial que se ...<br \/><div class=\"pt-cv-rmwrap\"><a href=\"https:\/\/www.dmsjuridica.com\/buscador_20179478954\/corteconstitucionalcronologico202454587\/t-1227-01\/\" class=\"_self pt-cv-readmore btn btn-success\" target=\"_self\">Ver Sentencia Completa...<\/a><\/div><\/div><\/div><\/div>\n<div class=\"col-md-12 col-sm-12 col-xs-12 pt-cv-content-item pt-cv-1-col\" ><div class='pt-cv-ifield'><a href=\"https:\/\/www.dmsjuridica.com\/buscador_20179478954\/corteconstitucionalcronologico202454587\/t-1226-01\/\" class=\"_self pt-cv-href-thumbnail pt-cv-thumb-default\" target=\"_self\" ><\/a>\n<div class=\"pt-cv-taxoterm above_title\"><a href='https:\/\/www.dmsjuridica.com\/buscador_20179478954\/corteconstitucionalcronologico202454587\/category\/buscar-en-toda-la-corte\/2001\/tutelas-2001\/' title='Tutelas 2001' class='pt-cv-tax-tutelas-2001'>Tutelas 2001<\/a><\/div>\n<h4 class=\"pt-cv-title\"><a href=\"https:\/\/www.dmsjuridica.com\/buscador_20179478954\/corteconstitucionalcronologico202454587\/t-1226-01\/\" class=\"_self\" target=\"_self\" >T-1226-01<\/a><\/h4>\n<div class=\"pt-cv-content\">\u00a0 \u00a0 Sentencia T-1226\/01 \u00a0 MORA JUDICIAL-Justificaci\u00f3n extraordinaria \u00a0 La Sala de Revisi\u00f3n considera que aunque en realidad existe morosidad en la resoluci\u00f3n del recurso de apelaci\u00f3n interpuesto por el actor, esta dilaci\u00f3n se justifica al analizar las circunstancias especiales que se presentan, pues la reducci\u00f3n en el n\u00famero de miembros que conformaban la Sala Penal del Tribunal Superior, gener\u00f3 un incremento de trabajo y un traumatismo jur\u00eddico que s\u00f3lo puede ser superado con el paso del tiempo. Lo anterior, aunado al hecho que el peticionario present\u00f3 varias solicitudes relacionadas con la suspensi\u00f3n de la detenci\u00f3n; redenci\u00f3n de la pena ...<br \/><div class=\"pt-cv-rmwrap\"><a href=\"https:\/\/www.dmsjuridica.com\/buscador_20179478954\/corteconstitucionalcronologico202454587\/t-1226-01\/\" class=\"_self pt-cv-readmore btn btn-success\" target=\"_self\">Ver Sentencia Completa...<\/a><\/div><\/div><\/div><\/div>\n<div class=\"col-md-12 col-sm-12 col-xs-12 pt-cv-content-item pt-cv-1-col\" ><div class='pt-cv-ifield'><a href=\"https:\/\/www.dmsjuridica.com\/buscador_20179478954\/corteconstitucionalcronologico202454587\/t-1225-01\/\" class=\"_self pt-cv-href-thumbnail pt-cv-thumb-default\" target=\"_self\" ><\/a>\n<div class=\"pt-cv-taxoterm above_title\"><a href='https:\/\/www.dmsjuridica.com\/buscador_20179478954\/corteconstitucionalcronologico202454587\/category\/buscar-en-toda-la-corte\/2001\/tutelas-2001\/' title='Tutelas 2001' class='pt-cv-tax-tutelas-2001'>Tutelas 2001<\/a><\/div>\n<h4 class=\"pt-cv-title\"><a href=\"https:\/\/www.dmsjuridica.com\/buscador_20179478954\/corteconstitucionalcronologico202454587\/t-1225-01\/\" class=\"_self\" target=\"_self\" >T-1225-01<\/a><\/h4>\n<div class=\"pt-cv-content\">\u00a0 \u00a0 Sentencia T-1225\/01 \u00a0 SERVICIO DE ENERGIA-Conexi\u00f3n fraudulenta por arrendatario a pesar de suspensi\u00f3n \u00a0 Para la Sala, las afirmaciones no son prueba suficiente de que la Empresa \u00a0hubiera cumplido las obligaciones impuestas en la ley, en cuanto a la diligencia y oportunidad en la suspensi\u00f3n del servicio, con el fin de que no se incrementaran las obligaciones de los responsables solidarios en el pago de las facturas. Y si hubo reconexi\u00f3n fraudulenta, como simplemente lo afirma, tampoco hay prueba de que hubiera adoptado las medidas pertinentes, como retirar acometidas, denunciar penalmente a los posibles responsables, entre otras, que ...<br \/><div class=\"pt-cv-rmwrap\"><a href=\"https:\/\/www.dmsjuridica.com\/buscador_20179478954\/corteconstitucionalcronologico202454587\/t-1225-01\/\" class=\"_self pt-cv-readmore btn btn-success\" target=\"_self\">Ver Sentencia Completa...<\/a><\/div><\/div><\/div><\/div>\n<div class=\"col-md-12 col-sm-12 col-xs-12 pt-cv-content-item pt-cv-1-col\" ><div class='pt-cv-ifield'><a href=\"https:\/\/www.dmsjuridica.com\/buscador_20179478954\/corteconstitucionalcronologico202454587\/t-1224-01\/\" class=\"_self pt-cv-href-thumbnail pt-cv-thumb-default\" target=\"_self\" ><\/a>\n<div class=\"pt-cv-taxoterm above_title\"><a href='https:\/\/www.dmsjuridica.com\/buscador_20179478954\/corteconstitucionalcronologico202454587\/category\/buscar-en-toda-la-corte\/2001\/tutelas-2001\/' title='Tutelas 2001' class='pt-cv-tax-tutelas-2001'>Tutelas 2001<\/a><\/div>\n<h4 class=\"pt-cv-title\"><a href=\"https:\/\/www.dmsjuridica.com\/buscador_20179478954\/corteconstitucionalcronologico202454587\/t-1224-01\/\" class=\"_self\" target=\"_self\" >T-1224-01<\/a><\/h4>\n<div class=\"pt-cv-content\">\u00a0 \u00a0 Sentencia T-1224\/01 \u00a0 DERECHO AL MINIMO VITAL-Prueba de la amenaza \u00a0 No obra en el plenario prueba alguna que permita al juez de tutela inferir la posible afectaci\u00f3n del m\u00ednimo vital de la actora y su hijo. No existe siquiera afirmaci\u00f3n sobre la presunta amenaza o vulneraci\u00f3n de tal derecho. Al respecto, pertinente es se\u00f1alar que esta Corporaci\u00f3n claramente estableci\u00f3 que s\u00f3lo ante la amenaza o vulneraci\u00f3n del m\u00ednimo vital de la madre gestante y\/o del hijo reci\u00e9n nacido, es procedente la acci\u00f3n de tutela, como mecanismo excepcional apto para el cobro de una prestaci\u00f3n econ\u00f3mica como lo ...<br \/><div class=\"pt-cv-rmwrap\"><a href=\"https:\/\/www.dmsjuridica.com\/buscador_20179478954\/corteconstitucionalcronologico202454587\/t-1224-01\/\" class=\"_self pt-cv-readmore btn btn-success\" target=\"_self\">Ver Sentencia Completa...<\/a><\/div><\/div><\/div><\/div>\n<div class=\"col-md-12 col-sm-12 col-xs-12 pt-cv-content-item pt-cv-1-col\" ><div class='pt-cv-ifield'><a href=\"https:\/\/www.dmsjuridica.com\/buscador_20179478954\/corteconstitucionalcronologico202454587\/t-1223-01\/\" class=\"_self pt-cv-href-thumbnail pt-cv-thumb-default\" target=\"_self\" ><\/a>\n<div class=\"pt-cv-taxoterm above_title\"><a href='https:\/\/www.dmsjuridica.com\/buscador_20179478954\/corteconstitucionalcronologico202454587\/category\/buscar-en-toda-la-corte\/2001\/tutelas-2001\/' title='Tutelas 2001' class='pt-cv-tax-tutelas-2001'>Tutelas 2001<\/a><\/div>\n<h4 class=\"pt-cv-title\"><a href=\"https:\/\/www.dmsjuridica.com\/buscador_20179478954\/corteconstitucionalcronologico202454587\/t-1223-01\/\" class=\"_self\" target=\"_self\" >T-1223-01<\/a><\/h4>\n<div class=\"pt-cv-content\">\u00a0 \u00a0 Sentencia T-1223\/01 \u00a0 VIA DE HECHO-Procedencia excepcional de tutela \u00a0 VIA DE HECHO-Concepto \u00a0 VIA DE HECHO-Clases de defectos en la actuaci\u00f3n \u00a0 MEDIO DE DEFENSA JUDICIAL IDONEO Y EFICAZ-Improcedencia de tutela \u00a0 PRINCIPIO NO REFORMATIO IN PEJUS-Alcance \u00a0 PRINCIPIO DE FAVORABILIDAD PENAL-Alcance\/PRINCIPIO DE FAVORABILIDAD PENAL-Aplicaci\u00f3n \u00a0 PRINCIPIO NO REFORMATIO IN PEJUS-Situaciones f\u00e1cticas consolidadas en el tiempo \u00a0 La vigencia del principio constitucional de la no reformatio in pejus en relaci\u00f3n con situaciones ya consolidadas en el tiempo antes de la entrada en vigor de la Carta Pol\u00edtica de 1991, solamente tiene lugar en la medida en que ...<br \/><div class=\"pt-cv-rmwrap\"><a href=\"https:\/\/www.dmsjuridica.com\/buscador_20179478954\/corteconstitucionalcronologico202454587\/t-1223-01\/\" class=\"_self pt-cv-readmore btn btn-success\" target=\"_self\">Ver Sentencia Completa...<\/a><\/div><\/div><\/div><\/div>\n<div class=\"col-md-12 col-sm-12 col-xs-12 pt-cv-content-item pt-cv-1-col\" ><div class='pt-cv-ifield'><a href=\"https:\/\/www.dmsjuridica.com\/buscador_20179478954\/corteconstitucionalcronologico202454587\/t-1222-01\/\" class=\"_self pt-cv-href-thumbnail pt-cv-thumb-default\" target=\"_self\" ><\/a>\n<div class=\"pt-cv-taxoterm above_title\"><a href='https:\/\/www.dmsjuridica.com\/buscador_20179478954\/corteconstitucionalcronologico202454587\/category\/buscar-en-toda-la-corte\/2001\/tutelas-2001\/' title='Tutelas 2001' class='pt-cv-tax-tutelas-2001'>Tutelas 2001<\/a><\/div>\n<h4 class=\"pt-cv-title\"><a href=\"https:\/\/www.dmsjuridica.com\/buscador_20179478954\/corteconstitucionalcronologico202454587\/t-1222-01\/\" class=\"_self\" target=\"_self\" >T-1222-01<\/a><\/h4>\n<div class=\"pt-cv-content\">ACCION DE TUTELA-Improcedencia cuando hay caducidad de la acci\u00f3n principal\/DERECHO A LA SEGURIDAD SOCIAL DEL NI\u00d1O-Atenci\u00f3n de menor quemada en incubadora en hospital p\u00fablico \u00a0 La controversia planteada entre la demandante y el Hospital, corresponde claramente a los supuestos a que alude el art\u00edculo 86 del C\u00f3digo Contencioso Administrativo que consagra la acci\u00f3n de reparaci\u00f3n directa. Debe tenerse en cuenta sin embargo que el ordenamiento jur\u00eddico s\u00ed establece un mecanismo \u00a0id\u00f3neo para reparar el da\u00f1o, mecanismo que la demandante no utiliz\u00f3 en su oportunidad. Cabe anotar que dicha circunstancia hace improcedente la protecci\u00f3n constitucional solicitada, puesto que la acci\u00f3n de ...<br \/><div class=\"pt-cv-rmwrap\"><a href=\"https:\/\/www.dmsjuridica.com\/buscador_20179478954\/corteconstitucionalcronologico202454587\/t-1222-01\/\" class=\"_self pt-cv-readmore btn btn-success\" target=\"_self\">Ver Sentencia Completa...<\/a><\/div><\/div><\/div><\/div>\n<div class=\"col-md-12 col-sm-12 col-xs-12 pt-cv-content-item pt-cv-1-col\" ><div class='pt-cv-ifield'><a href=\"https:\/\/www.dmsjuridica.com\/buscador_20179478954\/corteconstitucionalcronologico202454587\/t-1221-01\/\" class=\"_self pt-cv-href-thumbnail pt-cv-thumb-default\" target=\"_self\" ><\/a>\n<div class=\"pt-cv-taxoterm above_title\"><a href='https:\/\/www.dmsjuridica.com\/buscador_20179478954\/corteconstitucionalcronologico202454587\/category\/buscar-en-toda-la-corte\/2001\/tutelas-2001\/' title='Tutelas 2001' class='pt-cv-tax-tutelas-2001'>Tutelas 2001<\/a><\/div>\n<h4 class=\"pt-cv-title\"><a href=\"https:\/\/www.dmsjuridica.com\/buscador_20179478954\/corteconstitucionalcronologico202454587\/t-1221-01\/\" class=\"_self\" target=\"_self\" >T-1221-01<\/a><\/h4>\n<div class=\"pt-cv-content\">\u00a0 \u00a0 Sentencia T-1221\/01 \u00a0 ACCION DE TUTELA-Improcedencia para revivir t\u00e9rminos precluidos o actuaciones judiciales omitidas \u00a0 ACCION DE TUTELA-Inexistencia de perjuicio irremediable \u00a0 Sin embargo, cuando no se aprecia tal alteraci\u00f3n ni el perjuicio se torna en irremediable y las acreencias adem\u00e1s son de larga data, como en los casos que se revisan, la Corte no accede a lo solicitado, por cuanto considera que no se dan las situaciones excepcionales que activan la competencia del juez constitucional. En los casos puestos a consideraci\u00f3n, encuentra la Sala que si bien los actores han tenido una dif\u00edcil situaci\u00f3n econ\u00f3mica, generada por ...<br \/><div class=\"pt-cv-rmwrap\"><a href=\"https:\/\/www.dmsjuridica.com\/buscador_20179478954\/corteconstitucionalcronologico202454587\/t-1221-01\/\" class=\"_self pt-cv-readmore btn btn-success\" target=\"_self\">Ver Sentencia Completa...<\/a><\/div><\/div><\/div><\/div>\n<div class=\"col-md-12 col-sm-12 col-xs-12 pt-cv-content-item pt-cv-1-col\" ><div class='pt-cv-ifield'><a href=\"https:\/\/www.dmsjuridica.com\/buscador_20179478954\/corteconstitucionalcronologico202454587\/t-1220-01\/\" class=\"_self pt-cv-href-thumbnail pt-cv-thumb-default\" target=\"_self\" ><\/a>\n<div class=\"pt-cv-taxoterm above_title\"><a href='https:\/\/www.dmsjuridica.com\/buscador_20179478954\/corteconstitucionalcronologico202454587\/category\/buscar-en-toda-la-corte\/2001\/tutelas-2001\/' title='Tutelas 2001' class='pt-cv-tax-tutelas-2001'>Tutelas 2001<\/a><\/div>\n<h4 class=\"pt-cv-title\"><a href=\"https:\/\/www.dmsjuridica.com\/buscador_20179478954\/corteconstitucionalcronologico202454587\/t-1220-01\/\" class=\"_self\" target=\"_self\" >T-1220-01<\/a><\/h4>\n<div class=\"pt-cv-content\">DERECHO A LA SALUD-Remisi\u00f3n a especialistas de menor\/DERECHO A LA SALUD-Pr\u00e1ctica de ex\u00e1menes a menor\/ADMINISTRADORA DEL REGIMEN SUBSIDIADO-Informaci\u00f3n al afiliado sobre posibilidad de atenci\u00f3n en servicio no incluido en POS \u00a0 Cuando a una persona afiliada al r\u00e9gimen subsidiado se le niega un servicio por no estar contemplado en el P.O.S.S., la A.R.S. junto con las autoridades administrativas del sector salud, tienen la responsabilidad de informarle claramente al interesado qui\u00e9n le prestar\u00e1 el servicio y acompa\u00f1ar al afiliado en el tr\u00e1mite para reclamar la atenci\u00f3n solicitada, con el objeto de garantizar que se lleve a cabo. A juicio de esta ...<br \/><div class=\"pt-cv-rmwrap\"><a href=\"https:\/\/www.dmsjuridica.com\/buscador_20179478954\/corteconstitucionalcronologico202454587\/t-1220-01\/\" class=\"_self pt-cv-readmore btn btn-success\" target=\"_self\">Ver Sentencia Completa...<\/a><\/div><\/div><\/div><\/div>\n<div class=\"col-md-12 col-sm-12 col-xs-12 pt-cv-content-item pt-cv-1-col\" ><div class='pt-cv-ifield'><a href=\"https:\/\/www.dmsjuridica.com\/buscador_20179478954\/corteconstitucionalcronologico202454587\/t-122-01\/\" class=\"_self pt-cv-href-thumbnail pt-cv-thumb-default\" target=\"_self\" ><\/a>\n<div class=\"pt-cv-taxoterm above_title\"><a href='https:\/\/www.dmsjuridica.com\/buscador_20179478954\/corteconstitucionalcronologico202454587\/category\/buscar-en-toda-la-corte\/2001\/tutelas-2001\/' title='Tutelas 2001' class='pt-cv-tax-tutelas-2001'>Tutelas 2001<\/a><\/div>\n<h4 class=\"pt-cv-title\"><a href=\"https:\/\/www.dmsjuridica.com\/buscador_20179478954\/corteconstitucionalcronologico202454587\/t-122-01\/\" class=\"_self\" target=\"_self\" >T-122-01<\/a><\/h4>\n<div class=\"pt-cv-content\">\u00a0 \u00a0 Sentencia T-122\/01 \u00a0 ENTIDAD PROMOTORA DE SALUD-Suministro de tratamiento, medicamentos y utensilios no incluidos en listado oficial\/DERECHO A LA DIGNIDAD HUMANA-Paciente con c\u00e1ncer que requiere tratamiento, medicamentos y utensilios no incluidos en listado oficial \u00a0 PRINCIPIO DE INTEGRALIDAD DEL SISTEMA DE SEGURIDAD SOCIAL EN SALUD-Contenido \u00a0 Reiteraci\u00f3n de la jurisprudencia \u00a0 Referencia: expediente T-371.358 \u00a0 Acci\u00f3n de tutela contra la EPS COOMEVA por una presunta violaci\u00f3n de los derechos a la vida, la salud, la seguridad social, y a unas condiciones de vida dignas. \u00a0 Tema: \u00a0 Medicamentos y utensilios no incluidos en el listado oficial del plan ...<br \/><div class=\"pt-cv-rmwrap\"><a href=\"https:\/\/www.dmsjuridica.com\/buscador_20179478954\/corteconstitucionalcronologico202454587\/t-122-01\/\" class=\"_self pt-cv-readmore btn btn-success\" target=\"_self\">Ver Sentencia Completa...<\/a><\/div><\/div><\/div><\/div>\n<div class=\"col-md-12 col-sm-12 col-xs-12 pt-cv-content-item pt-cv-1-col\" ><div class='pt-cv-ifield'><a href=\"https:\/\/www.dmsjuridica.com\/buscador_20179478954\/corteconstitucionalcronologico202454587\/t-1210-01\/\" class=\"_self pt-cv-href-thumbnail pt-cv-thumb-default\" target=\"_self\" ><\/a>\n<div class=\"pt-cv-taxoterm above_title\"><a href='https:\/\/www.dmsjuridica.com\/buscador_20179478954\/corteconstitucionalcronologico202454587\/category\/buscar-en-toda-la-corte\/2001\/tutelas-2001\/' title='Tutelas 2001' class='pt-cv-tax-tutelas-2001'>Tutelas 2001<\/a><\/div>\n<h4 class=\"pt-cv-title\"><a href=\"https:\/\/www.dmsjuridica.com\/buscador_20179478954\/corteconstitucionalcronologico202454587\/t-1210-01\/\" class=\"_self\" target=\"_self\" >T-1210-01<\/a><\/h4>\n<div class=\"pt-cv-content\">\u00a0 \u00a0 Sentencia T-1210\/01 \u00a0 DERECHO A LA SALUD-Conexidad con la vida\/DERECHO A LA SALUD DEL ENFERMO DE SIDA-Protecci\u00f3n \u00a0 SISBEN-Regulaci\u00f3n ineficiente para detectar a las personas pobres \u00a0 SISBEN-Participantes vinculados\/DERECHO A LA SALUD DEL ENFERMO DE SIDA-Realizaci\u00f3n examen de carga viral\/INSTITUCION PRESTADORA DE SALUD-Realizaci\u00f3n examen de carga viral y repetici\u00f3n contra el Fosyga \u00a0 SISBEN-Nueva encuesta para reclasificaci\u00f3n \u00a0 Reiteraci\u00f3n de Jurisprudencia \u00a0 Referencia: expediente T-496923 \u00a0 Acci\u00f3n de tutela incoada por V\u00edctor Manuel S\u00e1nchez G\u00f3mez contra la Direcci\u00f3n Local de Salud y la Secretar\u00eda de Planeaci\u00f3n Municipal de Bello. \u00a0 Magistrado Ponente: \u00a0 Dr. RODRIGO ESCOBAR GIL \u00a0 ...<br \/><div class=\"pt-cv-rmwrap\"><a href=\"https:\/\/www.dmsjuridica.com\/buscador_20179478954\/corteconstitucionalcronologico202454587\/t-1210-01\/\" class=\"_self pt-cv-readmore btn btn-success\" target=\"_self\">Ver Sentencia Completa...<\/a><\/div><\/div><\/div><\/div>\n<div class=\"col-md-12 col-sm-12 col-xs-12 pt-cv-content-item pt-cv-1-col\" ><div class='pt-cv-ifield'><a href=\"https:\/\/www.dmsjuridica.com\/buscador_20179478954\/corteconstitucionalcronologico202454587\/t-121-01\/\" class=\"_self pt-cv-href-thumbnail pt-cv-thumb-default\" target=\"_self\" ><\/a>\n<div class=\"pt-cv-taxoterm above_title\"><a href='https:\/\/www.dmsjuridica.com\/buscador_20179478954\/corteconstitucionalcronologico202454587\/category\/buscar-en-toda-la-corte\/2001\/tutelas-2001\/' title='Tutelas 2001' class='pt-cv-tax-tutelas-2001'>Tutelas 2001<\/a><\/div>\n<h4 class=\"pt-cv-title\"><a href=\"https:\/\/www.dmsjuridica.com\/buscador_20179478954\/corteconstitucionalcronologico202454587\/t-121-01\/\" class=\"_self\" target=\"_self\" >T-121-01<\/a><\/h4>\n<div class=\"pt-cv-content\">\u00a0 \u00a0 Sentencia T-121\/01 \u00a0 PARTIDA PRESUPUESTAL-Gesti\u00f3n y distribuci\u00f3n para pago oportuno de salarios \u00a0 Reiteraci\u00f3n de la jurisprudencia \u00a0 Referencia: expedientes acumulados T-371.055, 371.057, 371058, 371.060, 371.063, 371.065, 371.066, 371.069, 371.072, 371.073 y 371.074. \u00a0 Acciones de tutela contra la alcald\u00eda municipal de Guaranda (Sucre), por presuntas violaciones de los derechos al trabajo, a la vida, a la seguridad social y a la dignidad de la persona. \u00a0 Tema: \u00a0 Sustento m\u00ednimo vital. \u00a0 Actores: Osiris Herrera Seiza, Nolba Cotera Lobo, Mariela Hern\u00e1ndez Mart\u00ednez, Alba Mairena Jim\u00e9nez L\u00f3pez, Ana Margarita de Hoyos Navarro, Adeles de Jes\u00fas Pinedo Bedoya, Carlos ...<br \/><div class=\"pt-cv-rmwrap\"><a href=\"https:\/\/www.dmsjuridica.com\/buscador_20179478954\/corteconstitucionalcronologico202454587\/t-121-01\/\" class=\"_self pt-cv-readmore btn btn-success\" target=\"_self\">Ver Sentencia Completa...<\/a><\/div><\/div><\/div><\/div>\n<div class=\"col-md-12 col-sm-12 col-xs-12 pt-cv-content-item pt-cv-1-col\" ><div class='pt-cv-ifield'><a href=\"https:\/\/www.dmsjuridica.com\/buscador_20179478954\/corteconstitucionalcronologico202454587\/t-1209-01\/\" class=\"_self pt-cv-href-thumbnail pt-cv-thumb-default\" target=\"_self\" ><\/a>\n<div class=\"pt-cv-taxoterm above_title\"><a href='https:\/\/www.dmsjuridica.com\/buscador_20179478954\/corteconstitucionalcronologico202454587\/category\/buscar-en-toda-la-corte\/2001\/tutelas-2001\/' title='Tutelas 2001' class='pt-cv-tax-tutelas-2001'>Tutelas 2001<\/a><\/div>\n<h4 class=\"pt-cv-title\"><a href=\"https:\/\/www.dmsjuridica.com\/buscador_20179478954\/corteconstitucionalcronologico202454587\/t-1209-01\/\" class=\"_self\" target=\"_self\" >T-1209-01<\/a><\/h4>\n<div class=\"pt-cv-content\">MUJER TRABAJADORA EMBARAZADA-Protecci\u00f3n constitucional especial \u00a0 ACCION DE TUTELA-Elementos f\u00e1cticos que deben demostrarse \u00a0 MUJER EMBARAZADA EN CONTRATO A TERMINO FIJO-Terminaci\u00f3n de labor contratada \u00a0 Cuando se trata de un contrato a t\u00e9rmino fijo en el cual se produce el despido de una mujer embarazada, en primer lugar se debe establecer si subsisten las causas que dieron origen a la relaci\u00f3n contractual, en raz\u00f3n a que no se puede obligar al empleador a mantener a su servicio a un trabajador sin que exista labor a desarrollar. En ning\u00fan momento el despido se produjo por causa de su estado de embarazo, ...<br \/><div class=\"pt-cv-rmwrap\"><a href=\"https:\/\/www.dmsjuridica.com\/buscador_20179478954\/corteconstitucionalcronologico202454587\/t-1209-01\/\" class=\"_self pt-cv-readmore btn btn-success\" target=\"_self\">Ver Sentencia Completa...<\/a><\/div><\/div><\/div><\/div>\n<div class=\"col-md-12 col-sm-12 col-xs-12 pt-cv-content-item pt-cv-1-col\" ><div class='pt-cv-ifield'><a href=\"https:\/\/www.dmsjuridica.com\/buscador_20179478954\/corteconstitucionalcronologico202454587\/t-1208-01\/\" class=\"_self pt-cv-href-thumbnail pt-cv-thumb-default\" target=\"_self\" ><\/a>\n<div class=\"pt-cv-taxoterm above_title\"><a href='https:\/\/www.dmsjuridica.com\/buscador_20179478954\/corteconstitucionalcronologico202454587\/category\/buscar-en-toda-la-corte\/2001\/tutelas-2001\/' title='Tutelas 2001' class='pt-cv-tax-tutelas-2001'>Tutelas 2001<\/a><\/div>\n<h4 class=\"pt-cv-title\"><a href=\"https:\/\/www.dmsjuridica.com\/buscador_20179478954\/corteconstitucionalcronologico202454587\/t-1208-01\/\" class=\"_self\" target=\"_self\" >T-1208-01<\/a><\/h4>\n<div class=\"pt-cv-content\">\u00a0 \u00a0 Sentencia T-1208\/01 \u00a0 REGIMEN SUBSIDIADO DE SEGURIDAD SOCIAL EN SALUD-Alcance\/REGIMEN SUBSIDIADO DE SEGURIDAD SOCIAL EN SALUD-Beneficiarios \u00a0 SISBEN-Participantes vinculados \u00a0 Existen los participantes vinculados, o sea aquellas personas que por motivos de incapacidad de pago y mientras logren ser beneficiarios del r\u00e9gimen subsidiado tienen derecho a recibir los servicios de atenci\u00f3n de salud que presten las instituciones p\u00fablicas y las privadas que tengan contrato con el Estado. \u00a0 SISBEN-Demora en carnetizaci\u00f3n no es obst\u00e1culo para realizar tratamiento\/PRINCIPIO DE LA CONFIANZA LEGITIMA DE QUIEN INGRESA AL SISBEN \u00a0 Reiteraci\u00f3n de Jurisprudencia \u00a0 Referencia: expediente T-483909 \u00a0 Acci\u00f3n de tutela ...<br \/><div class=\"pt-cv-rmwrap\"><a href=\"https:\/\/www.dmsjuridica.com\/buscador_20179478954\/corteconstitucionalcronologico202454587\/t-1208-01\/\" class=\"_self pt-cv-readmore btn btn-success\" target=\"_self\">Ver Sentencia Completa...<\/a><\/div><\/div><\/div><\/div>\n<div class=\"col-md-12 col-sm-12 col-xs-12 pt-cv-content-item pt-cv-1-col\" ><div class='pt-cv-ifield'><a href=\"https:\/\/www.dmsjuridica.com\/buscador_20179478954\/corteconstitucionalcronologico202454587\/t-1207-01\/\" class=\"_self pt-cv-href-thumbnail pt-cv-thumb-default\" target=\"_self\" ><\/a>\n<div class=\"pt-cv-taxoterm above_title\"><a href='https:\/\/www.dmsjuridica.com\/buscador_20179478954\/corteconstitucionalcronologico202454587\/category\/buscar-en-toda-la-corte\/2001\/tutelas-2001\/' title='Tutelas 2001' class='pt-cv-tax-tutelas-2001'>Tutelas 2001<\/a><\/div>\n<h4 class=\"pt-cv-title\"><a href=\"https:\/\/www.dmsjuridica.com\/buscador_20179478954\/corteconstitucionalcronologico202454587\/t-1207-01\/\" class=\"_self\" target=\"_self\" >T-1207-01<\/a><\/h4>\n<div class=\"pt-cv-content\">\u00a0 \u00a0 Sentencia T-1207\/01 \u00a0 INAPLICACION DE NORMAS DEL PLAN OBLIGATORIO DE SALUD-Casos en que procede por exclusi\u00f3n de tratamientos y medicamentos de alto costo \u00a0 JUEZ DE TUTELA-Pr\u00e1ctica de pruebas de oficio \u00a0 Si el solicitante del amparo aduce en la demanda no contar con la capacidad econ\u00f3mica para sufragar el costo de la prueba de laboratorio, de las medicinas o el procedimiento excluido del P.O.S., lo conducente es requerirlo para que aporte prueba que demuestre esa situaci\u00f3n o decretar la pr\u00e1ctica de pruebas que apunten a desvirtuar su dicho. Pero no es justo concluir que no se re\u00fane ...<br \/><div class=\"pt-cv-rmwrap\"><a href=\"https:\/\/www.dmsjuridica.com\/buscador_20179478954\/corteconstitucionalcronologico202454587\/t-1207-01\/\" class=\"_self pt-cv-readmore btn btn-success\" target=\"_self\">Ver Sentencia Completa...<\/a><\/div><\/div><\/div><\/div>\n<div class=\"col-md-12 col-sm-12 col-xs-12 pt-cv-content-item pt-cv-1-col\" ><div class='pt-cv-ifield'><a href=\"https:\/\/www.dmsjuridica.com\/buscador_20179478954\/corteconstitucionalcronologico202454587\/t-1206-01\/\" class=\"_self pt-cv-href-thumbnail pt-cv-thumb-default\" target=\"_self\" ><\/a>\n<div class=\"pt-cv-taxoterm above_title\"><a href='https:\/\/www.dmsjuridica.com\/buscador_20179478954\/corteconstitucionalcronologico202454587\/category\/buscar-en-toda-la-corte\/2001\/tutelas-2001\/' title='Tutelas 2001' class='pt-cv-tax-tutelas-2001'>Tutelas 2001<\/a><\/div>\n<h4 class=\"pt-cv-title\"><a href=\"https:\/\/www.dmsjuridica.com\/buscador_20179478954\/corteconstitucionalcronologico202454587\/t-1206-01\/\" class=\"_self\" target=\"_self\" >T-1206-01<\/a><\/h4>\n<div class=\"pt-cv-content\">\u00a0 \u00a0 Sentencia T-1206\/01 \u00a0 POLICIA NACIONAL-Naturaleza \u00a0 A pesar de las consecuencias necesarias de la identificaci\u00f3n constitucional del cuerpo de polic\u00eda como una instituci\u00f3n civil y preventiva, que lo diferencia de las fuerzas militares, en la actual coyuntura sociopol\u00edtica colombiana, caracterizada por factores de inestabilidad y violencia generalizada, dicha clasificaci\u00f3n no siempre obedece a la realidad de los hechos, ni resulta suficiente para permitirle cumplir las necesidades del servicio que debe prestar. \u00a0Por tal motivo, la jurisprudencia de esta Corporaci\u00f3n ha reconocido que el cuerpo de polic\u00eda se ubica en una \u201czona gris\u201d, entre lo militar y lo civil ...<br \/><div class=\"pt-cv-rmwrap\"><a href=\"https:\/\/www.dmsjuridica.com\/buscador_20179478954\/corteconstitucionalcronologico202454587\/t-1206-01\/\" class=\"_self pt-cv-readmore btn btn-success\" target=\"_self\">Ver Sentencia Completa...<\/a><\/div><\/div><\/div><\/div>\n<div class=\"col-md-12 col-sm-12 col-xs-12 pt-cv-content-item pt-cv-1-col\" ><div class='pt-cv-ifield'><a href=\"https:\/\/www.dmsjuridica.com\/buscador_20179478954\/corteconstitucionalcronologico202454587\/t-1205-01\/\" class=\"_self pt-cv-href-thumbnail pt-cv-thumb-default\" target=\"_self\" ><\/a>\n<div class=\"pt-cv-taxoterm above_title\"><a href='https:\/\/www.dmsjuridica.com\/buscador_20179478954\/corteconstitucionalcronologico202454587\/category\/buscar-en-toda-la-corte\/2001\/tutelas-2001\/' title='Tutelas 2001' class='pt-cv-tax-tutelas-2001'>Tutelas 2001<\/a><\/div>\n<h4 class=\"pt-cv-title\"><a href=\"https:\/\/www.dmsjuridica.com\/buscador_20179478954\/corteconstitucionalcronologico202454587\/t-1205-01\/\" class=\"_self\" target=\"_self\" >T-1205-01<\/a><\/h4>\n<div class=\"pt-cv-content\">\u00a0 \u00a0 Sentencia T-1205\/01 \u00a0 ACCION DE TUTELA Y ACCION POPULAR \u00a0 De acuerdo con la Ley 472 de 1998 y la doctrina constitucional que acaba de citarse, las acciones de tutela interpuestas por los Personeros Municipales, no pod\u00edan prosperar frente a la existencia de la acci\u00f3n popular como mecanismo judicial id\u00f3neo para los prop\u00f3sitos que persegu\u00edan. \u00a0 ACCION DE TUTELA CONTRA EMPRESA DE ACUEDUCTO-Prueba de violaci\u00f3n de derechos fundamentales \u00a0 A juicio de esta Sala de Revisi\u00f3n, si el Personero Municipal es quien decide interponer una acci\u00f3n de tutela, debe probar la amenaza o vulneraci\u00f3n de un derecho fundamental ...<br \/><div class=\"pt-cv-rmwrap\"><a href=\"https:\/\/www.dmsjuridica.com\/buscador_20179478954\/corteconstitucionalcronologico202454587\/t-1205-01\/\" class=\"_self pt-cv-readmore btn btn-success\" target=\"_self\">Ver Sentencia Completa...<\/a><\/div><\/div><\/div><\/div>\n<div class=\"col-md-12 col-sm-12 col-xs-12 pt-cv-content-item pt-cv-1-col\" ><div class='pt-cv-ifield'><a href=\"https:\/\/www.dmsjuridica.com\/buscador_20179478954\/corteconstitucionalcronologico202454587\/t-1204-01\/\" class=\"_self pt-cv-href-thumbnail pt-cv-thumb-default\" target=\"_self\" ><\/a>\n<div class=\"pt-cv-taxoterm above_title\"><a href='https:\/\/www.dmsjuridica.com\/buscador_20179478954\/corteconstitucionalcronologico202454587\/category\/buscar-en-toda-la-corte\/2001\/tutelas-2001\/' title='Tutelas 2001' class='pt-cv-tax-tutelas-2001'>Tutelas 2001<\/a><\/div>\n<h4 class=\"pt-cv-title\"><a href=\"https:\/\/www.dmsjuridica.com\/buscador_20179478954\/corteconstitucionalcronologico202454587\/t-1204-01\/\" class=\"_self\" target=\"_self\" >T-1204-01<\/a><\/h4>\n<div class=\"pt-cv-content\">\u00a0 \u00a0 Sentencia T-1204\/01 \u00a0 Se concluye que todas las acciones de tutela decididas en los fallos objeto de revisi\u00f3n, con \u00a0relaci\u00f3n al derecho fundamental al debido proceso y los dem\u00e1s conexos con \u00e9ste, debieron ser negadas en raz\u00f3n de su improcedencia, dada la existencia de otro medio de defensa judicial id\u00f3neo y eficaz al que los actores pod\u00edan acudir para hacer valer sus derechos, o bien, en casos precisos, porque no hicieron uso de los recursos que ten\u00edan dentro del tr\u00e1mite administrativo adelantado, o porque dejaron precluir el t\u00e9rmino con el que contaban para hacer uso del medio judicial ...<br \/><div class=\"pt-cv-rmwrap\"><a href=\"https:\/\/www.dmsjuridica.com\/buscador_20179478954\/corteconstitucionalcronologico202454587\/t-1204-01\/\" class=\"_self pt-cv-readmore btn btn-success\" target=\"_self\">Ver Sentencia Completa...<\/a><\/div><\/div><\/div><\/div>\n<div class=\"col-md-12 col-sm-12 col-xs-12 pt-cv-content-item pt-cv-1-col\" ><div class='pt-cv-ifield'><a href=\"https:\/\/www.dmsjuridica.com\/buscador_20179478954\/corteconstitucionalcronologico202454587\/t-1203-01\/\" class=\"_self pt-cv-href-thumbnail pt-cv-thumb-default\" target=\"_self\" ><\/a>\n<div class=\"pt-cv-taxoterm above_title\"><a href='https:\/\/www.dmsjuridica.com\/buscador_20179478954\/corteconstitucionalcronologico202454587\/category\/buscar-en-toda-la-corte\/2001\/tutelas-2001\/' title='Tutelas 2001' class='pt-cv-tax-tutelas-2001'>Tutelas 2001<\/a><\/div>\n<h4 class=\"pt-cv-title\"><a href=\"https:\/\/www.dmsjuridica.com\/buscador_20179478954\/corteconstitucionalcronologico202454587\/t-1203-01\/\" class=\"_self\" target=\"_self\" >T-1203-01<\/a><\/h4>\n<div class=\"pt-cv-content\">\u00a0 \u00a0 Sentencia T-1203\/01 \u00a0 ACCION DE TUTELA-Procedencia excepcional pago de mesadas pensionales atrasadas \u00a0 Referencia: expediente T-484132. Acci\u00f3n de Tutela promovida por Heidy Milena Fernandez Orozco contra Alcald\u00eda Distrital de Barranquilla y otro \u00a0 Magistrada Ponente: \u00a0 Dra. CLARA IN\u00c9S VARGAS HERN\u00c1NDEZ \u00a0 Bogot\u00e1, \u00a0D. C., diecis\u00e9is (16) de noviembre de dos mil uno (2001). \u00a0 La Sala Novena de Revisi\u00f3n de Tutelas de la Corte Constitucional, integrada por los Magistrados CLARA IN\u00c9S VARGAS HERN\u00c1NDEZ, JAIME ARA\u00daJO RENTERIA y ALFREDO BELTR\u00c1N SIERRA dicta la siguiente \u00a0 SENTENCIA \u00a0 Respecto de la revisi\u00f3n de los fallos adoptados por los Juzgados ...<br \/><div class=\"pt-cv-rmwrap\"><a href=\"https:\/\/www.dmsjuridica.com\/buscador_20179478954\/corteconstitucionalcronologico202454587\/t-1203-01\/\" class=\"_self pt-cv-readmore btn btn-success\" target=\"_self\">Ver Sentencia Completa...<\/a><\/div><\/div><\/div><\/div>\n<div class=\"col-md-12 col-sm-12 col-xs-12 pt-cv-content-item pt-cv-1-col\" ><div class='pt-cv-ifield'><a href=\"https:\/\/www.dmsjuridica.com\/buscador_20179478954\/corteconstitucionalcronologico202454587\/t-1202-01\/\" class=\"_self pt-cv-href-thumbnail pt-cv-thumb-default\" target=\"_self\" ><\/a>\n<div class=\"pt-cv-taxoterm above_title\"><a href='https:\/\/www.dmsjuridica.com\/buscador_20179478954\/corteconstitucionalcronologico202454587\/category\/buscar-en-toda-la-corte\/2001\/tutelas-2001\/' title='Tutelas 2001' class='pt-cv-tax-tutelas-2001'>Tutelas 2001<\/a><\/div>\n<h4 class=\"pt-cv-title\"><a href=\"https:\/\/www.dmsjuridica.com\/buscador_20179478954\/corteconstitucionalcronologico202454587\/t-1202-01\/\" class=\"_self\" target=\"_self\" >T-1202-01<\/a><\/h4>\n<div class=\"pt-cv-content\">\u00a0 \u00a0 Sentencia T-1202\/01 \u00a0 SISBEN-Naturaleza\/SISBEN-Focalizaci\u00f3n del gasto social \u00a0 MEDIO DE DEFENSA JUDICIAL-Cambio de clasificaci\u00f3n en el Sisben \u00a0 El accionante perfectamente puede solicitar el inicio de las actuaciones administrativas a que haya lugar para lograr el cambio de la clasificaci\u00f3n que pretende, actuaci\u00f3n en la que cuenta con la oportunidad de demostrar y probar que carece de recursos econ\u00f3micos y por ende, puede acceder al r\u00e9gimen \u00a0subsidiado de salud.\u00a0 \u00a0 \u00a0 Referencia: expediente T-484065. Acci\u00f3n de tutela formulada por Mario Camilo Gonz\u00e1lez contra la Secretaria Distrital de Salud de Bogot\u00e1.\u00a0 \u00a0 Magistrada Ponente: \u00a0 Dra. CLARA IN\u00c9S VARGAS ...<br \/><div class=\"pt-cv-rmwrap\"><a href=\"https:\/\/www.dmsjuridica.com\/buscador_20179478954\/corteconstitucionalcronologico202454587\/t-1202-01\/\" class=\"_self pt-cv-readmore btn btn-success\" target=\"_self\">Ver Sentencia Completa...<\/a><\/div><\/div><\/div><\/div>\n<div class=\"col-md-12 col-sm-12 col-xs-12 pt-cv-content-item pt-cv-1-col\" ><div class='pt-cv-ifield'><a href=\"https:\/\/www.dmsjuridica.com\/buscador_20179478954\/corteconstitucionalcronologico202454587\/t-1201-01\/\" class=\"_self pt-cv-href-thumbnail pt-cv-thumb-default\" target=\"_self\" ><\/a>\n<div class=\"pt-cv-taxoterm above_title\"><a href='https:\/\/www.dmsjuridica.com\/buscador_20179478954\/corteconstitucionalcronologico202454587\/category\/buscar-en-toda-la-corte\/2001\/tutelas-2001\/' title='Tutelas 2001' class='pt-cv-tax-tutelas-2001'>Tutelas 2001<\/a><\/div>\n<h4 class=\"pt-cv-title\"><a href=\"https:\/\/www.dmsjuridica.com\/buscador_20179478954\/corteconstitucionalcronologico202454587\/t-1201-01\/\" class=\"_self\" target=\"_self\" >T-1201-01<\/a><\/h4>\n<div class=\"pt-cv-content\">\u00a0 \u00a0 Sentencia T-1201\/01 \u00a0 MUJER TRABAJADORA EMBARAZADA-Protecci\u00f3n constitucional especial \u00a0 ACCION DE TUTELA-Casos excepcionales de reintegro por despido de mujer embarazada \u00a0 ACCION DE TUTELA TRANSITORIA DE MUJER EMBARAZADA-Elementos f\u00e1cticos que deben demostrarse \u00a0 MUJER EMBARAZADA EN CONTRATO A TERMINO FIJO-Protecci\u00f3n \u00a0 MUJER TRABAJADORA EMBARAZADA-Necesidad de probar comunicaci\u00f3n oportuna y causalidad entre despido y estado de gravidez \u00a0 Referencia: expediente T-456028\u00a0 \u00a0 Acci\u00f3n de tutela instaurada por Vianny Isabel S\u00e1nchez Villamizar contra el Medico Director del Hospital San Mart\u00edn de Sardinata Dr. Carlos Alberto Rinc\u00f3n Poveda, o quien haga sus veces; y el se\u00f1or T\u00e9cnico Administrativo del Hospital San ...<br \/><div class=\"pt-cv-rmwrap\"><a href=\"https:\/\/www.dmsjuridica.com\/buscador_20179478954\/corteconstitucionalcronologico202454587\/t-1201-01\/\" class=\"_self pt-cv-readmore btn btn-success\" target=\"_self\">Ver Sentencia Completa...<\/a><\/div><\/div><\/div><\/div>\n<div class=\"col-md-12 col-sm-12 col-xs-12 pt-cv-content-item pt-cv-1-col\" ><div class='pt-cv-ifield'><a href=\"https:\/\/www.dmsjuridica.com\/buscador_20179478954\/corteconstitucionalcronologico202454587\/t-1200-01\/\" class=\"_self pt-cv-href-thumbnail pt-cv-thumb-default\" target=\"_self\" ><\/a>\n<div class=\"pt-cv-taxoterm above_title\"><a href='https:\/\/www.dmsjuridica.com\/buscador_20179478954\/corteconstitucionalcronologico202454587\/category\/buscar-en-toda-la-corte\/2001\/tutelas-2001\/' title='Tutelas 2001' class='pt-cv-tax-tutelas-2001'>Tutelas 2001<\/a><\/div>\n<h4 class=\"pt-cv-title\"><a href=\"https:\/\/www.dmsjuridica.com\/buscador_20179478954\/corteconstitucionalcronologico202454587\/t-1200-01\/\" class=\"_self\" target=\"_self\" >T-1200-01<\/a><\/h4>\n<div class=\"pt-cv-content\">\u00a0 \u00a0 Sentencia T-1200\/01 \u00a0 CONFLICTO LABORAL COLECTIVO-Casos en que procede la tutela\/DERECHO A CONSTITUIR UN SINDICATO-Alcance\/DERECHO A LA NEGOCIACION COLECTIVA-Alcance \u00a0 EMPLEADOR-Abuso de la posici\u00f3n de preeminencia \u00a0 El abuso de la posici\u00f3n de preeminencia en la relaci\u00f3n laboral planteada constituye una franca violaci\u00f3n a los derechos constitucionales. Tales estrategias de econom\u00eda empresarial caracterizan relaciones laborales propias de una producci\u00f3n inequitativa, se\u00f1orial que carece de pol\u00edticas de optimizaci\u00f3n de la gesti\u00f3n y de bienestar laboral. Pertenecen a un sector empresarial de anta\u00f1o que ve en el recorte y contracci\u00f3n de las condiciones laborales, la mejor forma de obtener ganancias ...<br \/><div class=\"pt-cv-rmwrap\"><a href=\"https:\/\/www.dmsjuridica.com\/buscador_20179478954\/corteconstitucionalcronologico202454587\/t-1200-01\/\" class=\"_self pt-cv-readmore btn btn-success\" target=\"_self\">Ver Sentencia Completa...<\/a><\/div><\/div><\/div><\/div>\n<div class=\"col-md-12 col-sm-12 col-xs-12 pt-cv-content-item pt-cv-1-col\" ><div class='pt-cv-ifield'><a href=\"https:\/\/www.dmsjuridica.com\/buscador_20179478954\/corteconstitucionalcronologico202454587\/t-120-01\/\" class=\"_self pt-cv-href-thumbnail pt-cv-thumb-default\" target=\"_self\" ><\/a>\n<div class=\"pt-cv-taxoterm above_title\"><a href='https:\/\/www.dmsjuridica.com\/buscador_20179478954\/corteconstitucionalcronologico202454587\/category\/buscar-en-toda-la-corte\/2001\/tutelas-2001\/' title='Tutelas 2001' class='pt-cv-tax-tutelas-2001'>Tutelas 2001<\/a><\/div>\n<h4 class=\"pt-cv-title\"><a href=\"https:\/\/www.dmsjuridica.com\/buscador_20179478954\/corteconstitucionalcronologico202454587\/t-120-01\/\" class=\"_self\" target=\"_self\" >T-120-01<\/a><\/h4>\n<div class=\"pt-cv-content\">\u00a0 \u00a0 Sentencia T-120\/01 \u00a0 DERECHO AL MINIMO VITAL DEL PENSIONADO-Pago oportuno de mesadas \u00a0 PERSONA DE LA TERCERA EDAD-Vulneraci\u00f3n de derechos fundamentales por mora en el pago de mesadas pensionales \u00a0 PROCESO DE LIQUIDACION OBLIGATORIA-Pago preferente de mesadas pensionales \u00a0 Reiteraci\u00f3n de la jurisprudencia \u00a0 Referencia: expedientes acumulados T-355.330 y T-368.703 \u00a0 Acciones de tutela contra la Fundaci\u00f3n Hospital San Jos\u00e9 de Buga (Valle) y el Hospital San Jos\u00e9 de Sevilla (Valle) por unas presuntas violaciones de los derechos a la vida, a la igualdad, al trabajo, a la salud y a la protecci\u00f3n especial del Estado para los ...<br \/><div class=\"pt-cv-rmwrap\"><a href=\"https:\/\/www.dmsjuridica.com\/buscador_20179478954\/corteconstitucionalcronologico202454587\/t-120-01\/\" class=\"_self pt-cv-readmore btn btn-success\" target=\"_self\">Ver Sentencia Completa...<\/a><\/div><\/div><\/div><\/div>\n<div class=\"col-md-12 col-sm-12 col-xs-12 pt-cv-content-item pt-cv-1-col\" ><div class='pt-cv-ifield'><a href=\"https:\/\/www.dmsjuridica.com\/buscador_20179478954\/corteconstitucionalcronologico202454587\/t-1199-01\/\" class=\"_self pt-cv-href-thumbnail pt-cv-thumb-default\" target=\"_self\" ><\/a>\n<div class=\"pt-cv-taxoterm above_title\"><a href='https:\/\/www.dmsjuridica.com\/buscador_20179478954\/corteconstitucionalcronologico202454587\/category\/buscar-en-toda-la-corte\/2001\/tutelas-2001\/' title='Tutelas 2001' class='pt-cv-tax-tutelas-2001'>Tutelas 2001<\/a><\/div>\n<h4 class=\"pt-cv-title\"><a href=\"https:\/\/www.dmsjuridica.com\/buscador_20179478954\/corteconstitucionalcronologico202454587\/t-1199-01\/\" class=\"_self\" target=\"_self\" >T-1199-01<\/a><\/h4>\n<div class=\"pt-cv-content\">\u00a0 \u00a0 Sentencia T-1199\/01 \u00a0 PRINCIPIO DE CONTINUIDAD EN EL SERVICIO PUBLICO DE SALUD-Un ni\u00f1o no puede ser expulsado del sistema \u00a0 El principio de la continuidad (como proyecci\u00f3n de la eficiencia) debe orientar las decisiones de las entidades encargadas de prestar la seguridad social en salud. De lo anterior se colige que no est\u00e1 autorizada la expulsi\u00f3n del sistema. Si un ni\u00f1o \u00a0ya hab\u00eda ingresado al sistema como beneficiario de un grupo familiar y si el cotizante, sin soluci\u00f3n de continuidad, contin\u00faa cubriendo los aportes, no hay raz\u00f3n alguna para que se expulse al ni\u00f1o del sistema. Menos a\u00fan ...<br \/><div class=\"pt-cv-rmwrap\"><a href=\"https:\/\/www.dmsjuridica.com\/buscador_20179478954\/corteconstitucionalcronologico202454587\/t-1199-01\/\" class=\"_self pt-cv-readmore btn btn-success\" target=\"_self\">Ver Sentencia Completa...<\/a><\/div><\/div><\/div><\/div>\n<div class=\"col-md-12 col-sm-12 col-xs-12 pt-cv-content-item pt-cv-1-col\" ><div class='pt-cv-ifield'><a href=\"https:\/\/www.dmsjuridica.com\/buscador_20179478954\/corteconstitucionalcronologico202454587\/t-1198-01\/\" class=\"_self pt-cv-href-thumbnail pt-cv-thumb-default\" target=\"_self\" ><\/a>\n<div class=\"pt-cv-taxoterm above_title\"><a href='https:\/\/www.dmsjuridica.com\/buscador_20179478954\/corteconstitucionalcronologico202454587\/category\/buscar-en-toda-la-corte\/2001\/tutelas-2001\/' title='Tutelas 2001' class='pt-cv-tax-tutelas-2001'>Tutelas 2001<\/a><\/div>\n<h4 class=\"pt-cv-title\"><a href=\"https:\/\/www.dmsjuridica.com\/buscador_20179478954\/corteconstitucionalcronologico202454587\/t-1198-01\/\" class=\"_self\" target=\"_self\" >T-1198-01<\/a><\/h4>\n<div class=\"pt-cv-content\">\u00a0 \u00a0 Sentencia T-1198\/01 \u00a0 CONCURSO DE MERITOS-Improcedencia en principio contra actos administrativos que la reglamentan o ejecutan\/CONCURSO DE MERITOS-Casos en que procede excepcionalmente la tutela \u00a0 DEBIDO PROCESO ADMINISTRATIVO-Fundamental \u00a0 \"La Constituci\u00f3n Pol\u00edtica de 1991, a m\u00e1s de consagrar en forma expresa el derecho al debido proceso en las actuaciones judiciales, lo consagra para las actuaciones administrativas, con lo cual se produce una innovaci\u00f3n que eleva a la categor\u00eda de Derecho Fundamental, un derecho de los asociados que, tradicionalmente, ten\u00eda rango legal, y no hac\u00eda parte del concepto original propio del derecho al debido proceso. Ahora, sigue aumentando su ...<br \/><div class=\"pt-cv-rmwrap\"><a href=\"https:\/\/www.dmsjuridica.com\/buscador_20179478954\/corteconstitucionalcronologico202454587\/t-1198-01\/\" class=\"_self pt-cv-readmore btn btn-success\" target=\"_self\">Ver Sentencia Completa...<\/a><\/div><\/div><\/div><\/div>\n<div class=\"col-md-12 col-sm-12 col-xs-12 pt-cv-content-item pt-cv-1-col\" ><div class='pt-cv-ifield'><a href=\"https:\/\/www.dmsjuridica.com\/buscador_20179478954\/corteconstitucionalcronologico202454587\/t-1197-01\/\" class=\"_self pt-cv-href-thumbnail pt-cv-thumb-default\" target=\"_self\" ><\/a>\n<div class=\"pt-cv-taxoterm above_title\"><a href='https:\/\/www.dmsjuridica.com\/buscador_20179478954\/corteconstitucionalcronologico202454587\/category\/buscar-en-toda-la-corte\/2001\/tutelas-2001\/' title='Tutelas 2001' class='pt-cv-tax-tutelas-2001'>Tutelas 2001<\/a><\/div>\n<h4 class=\"pt-cv-title\"><a href=\"https:\/\/www.dmsjuridica.com\/buscador_20179478954\/corteconstitucionalcronologico202454587\/t-1197-01\/\" class=\"_self\" target=\"_self\" >T-1197-01<\/a><\/h4>\n<div class=\"pt-cv-content\">\u00a0 \u00a0 Sentencia T-1197\/01 \u00a0 DISMINUIDO FISICO, SENSORIAL Y PSIQUICO-Protecci\u00f3n especial \u00a0 En el ordenamiento jur\u00eddico colombiano es evidente entonces que las personas disminuidas en sus condiciones f\u00edsicas, ps\u00edquicas y sensoriales, cuentan no s\u00f3lo con los derechos consagrados en general para todas las personas, sino, adem\u00e1s, con una \u00f3rbita de protecci\u00f3n especial que los convierte en titulares de algunos privilegios previstos en el texto de la Carta. De otra parte, es oportuno explicar que esta protecci\u00f3n adquiere un matiz particular, cuando la persona afectada en sus condiciones de salud es un agente o servidor del Estado, que en cumplimiento de ...<br \/><div class=\"pt-cv-rmwrap\"><a href=\"https:\/\/www.dmsjuridica.com\/buscador_20179478954\/corteconstitucionalcronologico202454587\/t-1197-01\/\" class=\"_self pt-cv-readmore btn btn-success\" target=\"_self\">Ver Sentencia Completa...<\/a><\/div><\/div><\/div><\/div>\n<div class=\"col-md-12 col-sm-12 col-xs-12 pt-cv-content-item pt-cv-1-col\" ><div class='pt-cv-ifield'><a href=\"https:\/\/www.dmsjuridica.com\/buscador_20179478954\/corteconstitucionalcronologico202454587\/t-119-01\/\" class=\"_self pt-cv-href-thumbnail pt-cv-thumb-default\" target=\"_self\" ><\/a>\n<div class=\"pt-cv-taxoterm above_title\"><a href='https:\/\/www.dmsjuridica.com\/buscador_20179478954\/corteconstitucionalcronologico202454587\/category\/buscar-en-toda-la-corte\/2001\/tutelas-2001\/' title='Tutelas 2001' class='pt-cv-tax-tutelas-2001'>Tutelas 2001<\/a><\/div>\n<h4 class=\"pt-cv-title\"><a href=\"https:\/\/www.dmsjuridica.com\/buscador_20179478954\/corteconstitucionalcronologico202454587\/t-119-01\/\" class=\"_self\" target=\"_self\" >T-119-01<\/a><\/h4>\n<div class=\"pt-cv-content\">\u00a0 \u00a0 Sentencia T-119\/01 \u00a0 DEBIDO PROCESO-Valoraci\u00f3n completa del acervo probatorio \u00a0 DERECHO A LA IGUALDAD-Diferencia de trato \u00a0 No toda diferencia en el trato que se otorga a un grupo de empleados frente a otro constituye discriminaci\u00f3n; si la diferencia en cuanto a la remuneraci\u00f3n obedece a distinta cantidad de trabajo, a las condiciones en que uno y otro grupo labora, o a calificaciones y situaciones personales diversas, la diferencia salarial no puede calificarse como discriminatoria, pues tiene como base una o m\u00e1s diferencias objetivas y relevantes entre los miembros de uno y otro de los grupos de trabajadores ...<br \/><div class=\"pt-cv-rmwrap\"><a href=\"https:\/\/www.dmsjuridica.com\/buscador_20179478954\/corteconstitucionalcronologico202454587\/t-119-01\/\" class=\"_self pt-cv-readmore btn btn-success\" target=\"_self\">Ver Sentencia Completa...<\/a><\/div><\/div><\/div><\/div>\n<div class=\"col-md-12 col-sm-12 col-xs-12 pt-cv-content-item pt-cv-1-col\" ><div class='pt-cv-ifield'><a href=\"https:\/\/www.dmsjuridica.com\/buscador_20179478954\/corteconstitucionalcronologico202454587\/t-1189-01\/\" class=\"_self pt-cv-href-thumbnail pt-cv-thumb-default\" target=\"_self\" ><\/a>\n<div class=\"pt-cv-taxoterm above_title\"><a href='https:\/\/www.dmsjuridica.com\/buscador_20179478954\/corteconstitucionalcronologico202454587\/category\/buscar-en-toda-la-corte\/2001\/tutelas-2001\/' title='Tutelas 2001' class='pt-cv-tax-tutelas-2001'>Tutelas 2001<\/a><\/div>\n<h4 class=\"pt-cv-title\"><a href=\"https:\/\/www.dmsjuridica.com\/buscador_20179478954\/corteconstitucionalcronologico202454587\/t-1189-01\/\" class=\"_self\" target=\"_self\" >T-1189-01<\/a><\/h4>\n<div class=\"pt-cv-content\">\u00a0 \u00a0 Sentencia T-1189\/01 \u00a0 PODER INTERPRETATIVO DEL JUEZ FRENTE A LA VIA DE HECHO \u00a0 PRINCIPIO DE FAVORABILIDAD LABORAL-Autonom\u00eda judicial es relativa \u00a0 FUERO SINDICAL-Objeto \u00a0 FUERO SINDICAL-Primariamente es garant\u00eda para sindicatos\/FUERO SINDICAL-Garant\u00eda para la asociaci\u00f3n y libertad sindical \u00a0 Las causales estipuladas en el art\u00edculo 410 del C.S.T. operan con la previa autorizaci\u00f3n del juez del trabajo, para cuyo cumplimiento se establece la acci\u00f3n de reintegro bajo un t\u00e9rmino prescriptivo de dos meses, contados a partir de la fecha del despido. De suerte que cuando un empleado particular aforado es despedido sin el permiso del juez del trabajo, ...<br \/><div class=\"pt-cv-rmwrap\"><a href=\"https:\/\/www.dmsjuridica.com\/buscador_20179478954\/corteconstitucionalcronologico202454587\/t-1189-01\/\" class=\"_self pt-cv-readmore btn btn-success\" target=\"_self\">Ver Sentencia Completa...<\/a><\/div><\/div><\/div><\/div>\n<div class=\"col-md-12 col-sm-12 col-xs-12 pt-cv-content-item pt-cv-1-col\" ><div class='pt-cv-ifield'><a href=\"https:\/\/www.dmsjuridica.com\/buscador_20179478954\/corteconstitucionalcronologico202454587\/t-1188-01\/\" class=\"_self pt-cv-href-thumbnail pt-cv-thumb-default\" target=\"_self\" ><\/a>\n<div class=\"pt-cv-taxoterm above_title\"><a href='https:\/\/www.dmsjuridica.com\/buscador_20179478954\/corteconstitucionalcronologico202454587\/category\/buscar-en-toda-la-corte\/2001\/tutelas-2001\/' title='Tutelas 2001' class='pt-cv-tax-tutelas-2001'>Tutelas 2001<\/a><\/div>\n<h4 class=\"pt-cv-title\"><a href=\"https:\/\/www.dmsjuridica.com\/buscador_20179478954\/corteconstitucionalcronologico202454587\/t-1188-01\/\" class=\"_self\" target=\"_self\" >T-1188-01<\/a><\/h4>\n<div class=\"pt-cv-content\">\u00a0 \u00a0 Sentencia T-1188\/01 \u00a0 DERECHO A LA SALUD-Atenci\u00f3n oportuna como caracter\u00edstica del servicio prestado por la EPS \u00a0 Como lo tiene definido la jurisprudencia de esta Corporaci\u00f3n, el hecho de diferir, casi al punto de negarlos, los tratamientos recomendados por m\u00e9dicos adscritos a la misma entidad, coloca en condiciones de riesgo la integridad f\u00edsica y la salud de los pacientes, quienes deben someterse a esperas indefinidas que culminan por distorsionar y diluir el objetivo mismo del \u00a0tratamiento \u00a0originalmente indicado. Lo anterior bien vale la pena integrarlo con lo que se ha dado en llamar el sentido y el criterio ...<br \/><div class=\"pt-cv-rmwrap\"><a href=\"https:\/\/www.dmsjuridica.com\/buscador_20179478954\/corteconstitucionalcronologico202454587\/t-1188-01\/\" class=\"_self pt-cv-readmore btn btn-success\" target=\"_self\">Ver Sentencia Completa...<\/a><\/div><\/div><\/div><\/div>\n<div class=\"col-md-12 col-sm-12 col-xs-12 pt-cv-content-item pt-cv-1-col\" ><div class='pt-cv-ifield'><a href=\"https:\/\/www.dmsjuridica.com\/buscador_20179478954\/corteconstitucionalcronologico202454587\/t-1187-01\/\" class=\"_self pt-cv-href-thumbnail pt-cv-thumb-default\" target=\"_self\" ><\/a>\n<div class=\"pt-cv-taxoterm above_title\"><a href='https:\/\/www.dmsjuridica.com\/buscador_20179478954\/corteconstitucionalcronologico202454587\/category\/buscar-en-toda-la-corte\/2001\/tutelas-2001\/' title='Tutelas 2001' class='pt-cv-tax-tutelas-2001'>Tutelas 2001<\/a><\/div>\n<h4 class=\"pt-cv-title\"><a href=\"https:\/\/www.dmsjuridica.com\/buscador_20179478954\/corteconstitucionalcronologico202454587\/t-1187-01\/\" class=\"_self\" target=\"_self\" >T-1187-01<\/a><\/h4>\n<div class=\"pt-cv-content\">\u00a0 \u00a0 Sentencia T-1187\/01 \u00a0 ACCION DE TUTELA-Improcedencia para reconocimiento de pensiones \u00a0 DERECHO DE PETICION-No se resuelve negando el derecho pensional por retardo en la expedici\u00f3n del bono pensional\/DERECHO DE PETICION-No admisi\u00f3n de respuestas evasivas \u00a0 No es de recibo para esta Corporaci\u00f3n la resoluci\u00f3n negativa a los intereses del actor, la cual no comporta una respuesta de fondo o de m\u00e9rito, pues no constituye m\u00e1s que una respuesta provisional pero nunca definitiva, sin que se entienda con \u00e9sta agotado el n\u00facleo esencial del derecho de petici\u00f3n. El derecho de petici\u00f3n no se satisface negando la pretensi\u00f3n por falta ...<br \/><div class=\"pt-cv-rmwrap\"><a href=\"https:\/\/www.dmsjuridica.com\/buscador_20179478954\/corteconstitucionalcronologico202454587\/t-1187-01\/\" class=\"_self pt-cv-readmore btn btn-success\" target=\"_self\">Ver Sentencia Completa...<\/a><\/div><\/div><\/div><\/div>\n<div class=\"col-md-12 col-sm-12 col-xs-12 pt-cv-content-item pt-cv-1-col\" ><div class='pt-cv-ifield'><a href=\"https:\/\/www.dmsjuridica.com\/buscador_20179478954\/corteconstitucionalcronologico202454587\/t-1186-01\/\" class=\"_self pt-cv-href-thumbnail pt-cv-thumb-default\" target=\"_self\" ><\/a>\n<div class=\"pt-cv-taxoterm above_title\"><a href='https:\/\/www.dmsjuridica.com\/buscador_20179478954\/corteconstitucionalcronologico202454587\/category\/buscar-en-toda-la-corte\/2001\/tutelas-2001\/' title='Tutelas 2001' class='pt-cv-tax-tutelas-2001'>Tutelas 2001<\/a><\/div>\n<h4 class=\"pt-cv-title\"><a href=\"https:\/\/www.dmsjuridica.com\/buscador_20179478954\/corteconstitucionalcronologico202454587\/t-1186-01\/\" class=\"_self\" target=\"_self\" >T-1186-01<\/a><\/h4>\n<div class=\"pt-cv-content\">\u00a0 \u00a0 Sentencia T-1186\/01 \u00a0 DERECHO A LA SALUD-Cirug\u00eda de ri\u00f1\u00f3n\/ADMINISTRADORA DEL REGIMEN SUBSIDIADO-Informaci\u00f3n al afiliado sobre posibilidad de atenci\u00f3n en servicio no incluido en POS \u00a0 La Corte Constitucional ha indicado que conforme al art\u00edculo 13 de la Constituci\u00f3n Pol\u00edtica, se debe imponer a las administradoras del r\u00e9gimen subsidiado, la obligaci\u00f3n de informar a los afiliados que solicitan la prestaci\u00f3n de un servicio no incluido en el P.O.S. las posibilidades de atenci\u00f3n que tienen conforme al art\u00edculo 31 del decreto 806 de 1998, en aras de otorgar un tratamiento diferencial positivo, con el fin de preservar principios como el ...<br \/><div class=\"pt-cv-rmwrap\"><a href=\"https:\/\/www.dmsjuridica.com\/buscador_20179478954\/corteconstitucionalcronologico202454587\/t-1186-01\/\" class=\"_self pt-cv-readmore btn btn-success\" target=\"_self\">Ver Sentencia Completa...<\/a><\/div><\/div><\/div><\/div>\n<div class=\"col-md-12 col-sm-12 col-xs-12 pt-cv-content-item pt-cv-1-col\" ><div class='pt-cv-ifield'><a href=\"https:\/\/www.dmsjuridica.com\/buscador_20179478954\/corteconstitucionalcronologico202454587\/t-1183-01\/\" class=\"_self pt-cv-href-thumbnail pt-cv-thumb-default\" target=\"_self\" ><\/a>\n<div class=\"pt-cv-taxoterm above_title\"><a href='https:\/\/www.dmsjuridica.com\/buscador_20179478954\/corteconstitucionalcronologico202454587\/category\/buscar-en-toda-la-corte\/2001\/tutelas-2001\/' title='Tutelas 2001' class='pt-cv-tax-tutelas-2001'>Tutelas 2001<\/a><\/div>\n<h4 class=\"pt-cv-title\"><a href=\"https:\/\/www.dmsjuridica.com\/buscador_20179478954\/corteconstitucionalcronologico202454587\/t-1183-01\/\" class=\"_self\" target=\"_self\" >T-1183-01<\/a><\/h4>\n<div class=\"pt-cv-content\">\u00a0 \u00a0 Sentencia T-1183\/01 \u00a0 ACCION DE TUTELA CONTRA PARTICULARES-Procedencia excepcional \u00a0 ACCION DE TUTELA CONTRA PARTICULARES-Subordinaci\u00f3n \u00a0 DERECHO AL MINIMO VITAL DEL TRABAJADOR-Pago oportuno de salarios \u00a0 DERECHO A LA SEGURIDAD SOCIAL-Suspensi\u00f3n pago de cotizaciones en salud \u00a0 CONCORDATO PREVENTIVO OBLIGATORIO-Pago preferente de obligaciones laborales \u00a0 MINISTERIO DE TRABAJO Y SEGURIDAD SOCIAL-Protecci\u00f3n derechos de pensionados en el tr\u00e1mite de concordato\/SUPERINTENDENCIA DE SOCIEDADES-Protecci\u00f3n derechos del pensionado en tr\u00e1mite de concordato \u00a0 Referencia: expediente T- 507.372 \u00a0 Acci\u00f3n de tutela instaurada por Jaime S\u00e1nchez Restrepo contra Empresa Procampo S.A.. \u00a0 Procedencia: Juzgado 1 Laboral del Circuito de Buga - Valle. \u00a0 ...<br \/><div class=\"pt-cv-rmwrap\"><a href=\"https:\/\/www.dmsjuridica.com\/buscador_20179478954\/corteconstitucionalcronologico202454587\/t-1183-01\/\" class=\"_self pt-cv-readmore btn btn-success\" target=\"_self\">Ver Sentencia Completa...<\/a><\/div><\/div><\/div><\/div>\n<div class=\"col-md-12 col-sm-12 col-xs-12 pt-cv-content-item pt-cv-1-col\" ><div class='pt-cv-ifield'><a href=\"https:\/\/www.dmsjuridica.com\/buscador_20179478954\/corteconstitucionalcronologico202454587\/t-1182-01\/\" class=\"_self pt-cv-href-thumbnail pt-cv-thumb-default\" target=\"_self\" ><\/a>\n<div class=\"pt-cv-taxoterm above_title\"><a href='https:\/\/www.dmsjuridica.com\/buscador_20179478954\/corteconstitucionalcronologico202454587\/category\/buscar-en-toda-la-corte\/2001\/tutelas-2001\/' title='Tutelas 2001' class='pt-cv-tax-tutelas-2001'>Tutelas 2001<\/a><\/div>\n<h4 class=\"pt-cv-title\"><a href=\"https:\/\/www.dmsjuridica.com\/buscador_20179478954\/corteconstitucionalcronologico202454587\/t-1182-01\/\" class=\"_self\" target=\"_self\" >T-1182-01<\/a><\/h4>\n<div class=\"pt-cv-content\">\u00a0 \u00a0 Sentencia T-1182\/01 \u00a0 CONSULTA POPULAR-D\u00eda sin carro\/CONSULTA POPULAR-Hecho superado \u00a0 El punto de discusi\u00f3n, en realidad, se encuentra superado, pues se repite, la decisi\u00f3n de un d\u00eda sin carro para los habitantes del Distrito Capital, fue la voluntad de la mayor\u00eda de los ciudadanos que desarrollando la democracia participativa, votaron a su favor, \u00a0y ya se llev\u00f3 a cabo. Los demandados no han vulnerado derecho fundamental alguno, sino que por el contrario la medida que fue objeto de consulta tiene como fin mejorar la calidad de vida de todos los habitantes de la ciudad. Es decir, por encima ...<br \/><div class=\"pt-cv-rmwrap\"><a href=\"https:\/\/www.dmsjuridica.com\/buscador_20179478954\/corteconstitucionalcronologico202454587\/t-1182-01\/\" class=\"_self pt-cv-readmore btn btn-success\" target=\"_self\">Ver Sentencia Completa...<\/a><\/div><\/div><\/div><\/div>\n<div class=\"col-md-12 col-sm-12 col-xs-12 pt-cv-content-item pt-cv-1-col\" ><div class='pt-cv-ifield'><a href=\"https:\/\/www.dmsjuridica.com\/buscador_20179478954\/corteconstitucionalcronologico202454587\/t-1181-01\/\" class=\"_self pt-cv-href-thumbnail pt-cv-thumb-default\" target=\"_self\" ><\/a>\n<div class=\"pt-cv-taxoterm above_title\"><a href='https:\/\/www.dmsjuridica.com\/buscador_20179478954\/corteconstitucionalcronologico202454587\/category\/buscar-en-toda-la-corte\/2001\/tutelas-2001\/' title='Tutelas 2001' class='pt-cv-tax-tutelas-2001'>Tutelas 2001<\/a><\/div>\n<h4 class=\"pt-cv-title\"><a href=\"https:\/\/www.dmsjuridica.com\/buscador_20179478954\/corteconstitucionalcronologico202454587\/t-1181-01\/\" class=\"_self\" target=\"_self\" >T-1181-01<\/a><\/h4>\n<div class=\"pt-cv-content\">DERECHO A LA SALUD-Suministro de medicamento no incluido en listado oficial \u00a0 Cuando los medicamentos no figuran en el listado que el decreto 1938 de 1994 y las dem\u00e1s normas pertinentes denominan como \u201cManual de medicamentos y terap\u00e9utica, listados de medicamentos por nomenclatura \u00a0y nombre, listado de medicamentos ambulatorios del plan obligatorio de salud\u201d, pero tales medicamentos \u00a0son recetados por el m\u00e9dico tratante, para evitar que se \u00a0vulnere el derecho a la vida, se inaplica la restricci\u00f3n del listado de medicamentos y se determina que la EPS debe darlos. El medicamento, solicitado mediante esta tutela, la actora lo requiere de ...<br \/><div class=\"pt-cv-rmwrap\"><a href=\"https:\/\/www.dmsjuridica.com\/buscador_20179478954\/corteconstitucionalcronologico202454587\/t-1181-01\/\" class=\"_self pt-cv-readmore btn btn-success\" target=\"_self\">Ver Sentencia Completa...<\/a><\/div><\/div><\/div><\/div>\n<div class=\"col-md-12 col-sm-12 col-xs-12 pt-cv-content-item pt-cv-1-col\" ><div class='pt-cv-ifield'><a href=\"https:\/\/www.dmsjuridica.com\/buscador_20179478954\/corteconstitucionalcronologico202454587\/t-1180-01\/\" class=\"_self pt-cv-href-thumbnail pt-cv-thumb-default\" target=\"_self\" ><\/a>\n<div class=\"pt-cv-taxoterm above_title\"><a href='https:\/\/www.dmsjuridica.com\/buscador_20179478954\/corteconstitucionalcronologico202454587\/category\/buscar-en-toda-la-corte\/2001\/tutelas-2001\/' title='Tutelas 2001' class='pt-cv-tax-tutelas-2001'>Tutelas 2001<\/a><\/div>\n<h4 class=\"pt-cv-title\"><a href=\"https:\/\/www.dmsjuridica.com\/buscador_20179478954\/corteconstitucionalcronologico202454587\/t-1180-01\/\" class=\"_self\" target=\"_self\" >T-1180-01<\/a><\/h4>\n<div class=\"pt-cv-content\">VIA DE HECHO-Definici\u00f3n \u00a0 VIA DE HECHO-Clases de defectos en la actuaci\u00f3n \u00a0 VIA DE HECHO EN PROCESO PENAL-Defecto procedimental en la notificaci\u00f3n del sindicado \u00a0 VIA DE HECHO POR CONSECUENCIA-Incumplimiento de las entidades en suministrar informaci\u00f3n sobre la condici\u00f3n de preso del sindicado \u00a0 VIA DE HECHO POR CONSECUENCIA-Alcance\/VIA DE HECHO POR CONSECUENCIA-Vulneraci\u00f3n del debido proceso no atribuible al funcionario judicial \u00a0 DERECHO A LA INFORMACION-Actualizaci\u00f3n y rectificaci\u00f3n\/DERECHO A LA CIRCULACION DE INFORMACION VITAL\/DERECHO DE DEFENSA-Circulaci\u00f3n de informaci\u00f3n sobre personas privadas de la libertad \u00a0 \u201cSe ha partido del derecho a actualizar y corregir la informaci\u00f3n que reposa en ...<br \/><div class=\"pt-cv-rmwrap\"><a href=\"https:\/\/www.dmsjuridica.com\/buscador_20179478954\/corteconstitucionalcronologico202454587\/t-1180-01\/\" class=\"_self pt-cv-readmore btn btn-success\" target=\"_self\">Ver Sentencia Completa...<\/a><\/div><\/div><\/div><\/div>\n<div class=\"col-md-12 col-sm-12 col-xs-12 pt-cv-content-item pt-cv-1-col\" ><div class='pt-cv-ifield'><a href=\"https:\/\/www.dmsjuridica.com\/buscador_20179478954\/corteconstitucionalcronologico202454587\/t-118-01\/\" class=\"_self pt-cv-href-thumbnail pt-cv-thumb-default\" target=\"_self\" ><\/a>\n<div class=\"pt-cv-taxoterm above_title\"><a href='https:\/\/www.dmsjuridica.com\/buscador_20179478954\/corteconstitucionalcronologico202454587\/category\/buscar-en-toda-la-corte\/2001\/tutelas-2001\/' title='Tutelas 2001' class='pt-cv-tax-tutelas-2001'>Tutelas 2001<\/a><\/div>\n<h4 class=\"pt-cv-title\"><a href=\"https:\/\/www.dmsjuridica.com\/buscador_20179478954\/corteconstitucionalcronologico202454587\/t-118-01\/\" class=\"_self\" target=\"_self\" >T-118-01<\/a><\/h4>\n<div class=\"pt-cv-content\">\u00a0 \u00a0 Sentencia T-118\/01 \u00a0 DERECHO A LA SEGURIDAD SOCIAL-Naturaleza program\u00e1tica y desarrollo progresivo \u00a0 Tanto el derecho a la seguridad social en salud como el relativo al r\u00e9gimen pensional, se caracterizan por ser de naturaleza program\u00e1tica y de desarrollo progresivo por parte del legislador, raz\u00f3n por \u00a0la cual, forman parte de \u00a0programas estatales que implican prestaciones de orden econ\u00f3mico y social, es decir, derechos prestacionales a cargo del Estado y a favor de todas las personas, para cuya efectividad requieren de \u00a0desarrollo legal, el arbitrio de los recursos y la elaboraci\u00f3n de planes y programas que los incluyan. \u00a0 ...<br \/><div class=\"pt-cv-rmwrap\"><a href=\"https:\/\/www.dmsjuridica.com\/buscador_20179478954\/corteconstitucionalcronologico202454587\/t-118-01\/\" class=\"_self pt-cv-readmore btn btn-success\" target=\"_self\">Ver Sentencia Completa...<\/a><\/div><\/div><\/div><\/div>\n<div class=\"col-md-12 col-sm-12 col-xs-12 pt-cv-content-item pt-cv-1-col\" ><div class='pt-cv-ifield'><a href=\"https:\/\/www.dmsjuridica.com\/buscador_20179478954\/corteconstitucionalcronologico202454587\/t-1171-01\/\" class=\"_self pt-cv-href-thumbnail pt-cv-thumb-default\" target=\"_self\" ><\/a>\n<div class=\"pt-cv-taxoterm above_title\"><a href='https:\/\/www.dmsjuridica.com\/buscador_20179478954\/corteconstitucionalcronologico202454587\/category\/buscar-en-toda-la-corte\/2001\/tutelas-2001\/' title='Tutelas 2001' class='pt-cv-tax-tutelas-2001'>Tutelas 2001<\/a><\/div>\n<h4 class=\"pt-cv-title\"><a href=\"https:\/\/www.dmsjuridica.com\/buscador_20179478954\/corteconstitucionalcronologico202454587\/t-1171-01\/\" class=\"_self\" target=\"_self\" >T-1171-01<\/a><\/h4>\n<div class=\"pt-cv-content\">\u00a0 \u00a0 Sentencia T-1171\/01 \u00a0 \u00a0DERECHO DE PETICION-Respuesta clara, oportuna y de fondo \u00a0 DERECHOS FUNDAMENTALES DEL INTERNO-Deben garantizarse independientemente del car\u00e1cter de sindicado o condenado\/DERECHO DE PETICION INTERPUESTO POR RECLUSO-Ejercicio \u00a0 En cuanto al ejercicio de los derechos fundamentales por parte de las personas condenadas a pena privativa de la libertad y recluidas en establecimientos carcelarios, esta Corporaci\u00f3n ha se\u00f1alado que si bien la situaci\u00f3n de estos individuos implica una restricci\u00f3n de algunos \u00a0derechos, en particular el de la libertad personal, no por ello dejan de ser titulares de los mismos. De acuerdo con lo anterior, los reclusos \u00a0pueden ...<br \/><div class=\"pt-cv-rmwrap\"><a href=\"https:\/\/www.dmsjuridica.com\/buscador_20179478954\/corteconstitucionalcronologico202454587\/t-1171-01\/\" class=\"_self pt-cv-readmore btn btn-success\" target=\"_self\">Ver Sentencia Completa...<\/a><\/div><\/div><\/div><\/div>\n<div class=\"col-md-12 col-sm-12 col-xs-12 pt-cv-content-item pt-cv-1-col\" ><div class='pt-cv-ifield'><a href=\"https:\/\/www.dmsjuridica.com\/buscador_20179478954\/corteconstitucionalcronologico202454587\/t-1170-01\/\" class=\"_self pt-cv-href-thumbnail pt-cv-thumb-default\" target=\"_self\" ><\/a>\n<div class=\"pt-cv-taxoterm above_title\"><a href='https:\/\/www.dmsjuridica.com\/buscador_20179478954\/corteconstitucionalcronologico202454587\/category\/buscar-en-toda-la-corte\/2001\/tutelas-2001\/' title='Tutelas 2001' class='pt-cv-tax-tutelas-2001'>Tutelas 2001<\/a><\/div>\n<h4 class=\"pt-cv-title\"><a href=\"https:\/\/www.dmsjuridica.com\/buscador_20179478954\/corteconstitucionalcronologico202454587\/t-1170-01\/\" class=\"_self\" target=\"_self\" >T-1170-01<\/a><\/h4>\n<div class=\"pt-cv-content\">\u00a0 \u00a0 Sentencia T-1170\/01 \u00a0 ACCION DE TUTELA-Informalidad \u00a0 ACCION DE TUTELA-Ejercicio racional y justificado\/ACCION DE TUTELA-Abuso \u00a0 La circunstancia de que la acci\u00f3n de amparo haya sido consagrada como un medio excepcional de protecci\u00f3n judicial de los derechos fundamentales, que opera de manera informal, directa y residual, le impone a su titular un ejercicio racional y mesurado de la misma, en aras de contribuir con el buen funcionamiento de la administraci\u00f3n de justicia y propender por que \u00e9sta cumpla con el objetivo constitucional de garantizarle a todas las persona la efectividad de sus derechos fundamentales. Por ello, ha considerado ...<br \/><div class=\"pt-cv-rmwrap\"><a href=\"https:\/\/www.dmsjuridica.com\/buscador_20179478954\/corteconstitucionalcronologico202454587\/t-1170-01\/\" class=\"_self pt-cv-readmore btn btn-success\" target=\"_self\">Ver Sentencia Completa...<\/a><\/div><\/div><\/div><\/div>\n<div class=\"col-md-12 col-sm-12 col-xs-12 pt-cv-content-item pt-cv-1-col\" ><div class='pt-cv-ifield'><a href=\"https:\/\/www.dmsjuridica.com\/buscador_20179478954\/corteconstitucionalcronologico202454587\/t-117-01\/\" class=\"_self pt-cv-href-thumbnail pt-cv-thumb-default\" target=\"_self\" ><\/a>\n<div class=\"pt-cv-taxoterm above_title\"><a href='https:\/\/www.dmsjuridica.com\/buscador_20179478954\/corteconstitucionalcronologico202454587\/category\/buscar-en-toda-la-corte\/2001\/tutelas-2001\/' title='Tutelas 2001' class='pt-cv-tax-tutelas-2001'>Tutelas 2001<\/a><\/div>\n<h4 class=\"pt-cv-title\"><a href=\"https:\/\/www.dmsjuridica.com\/buscador_20179478954\/corteconstitucionalcronologico202454587\/t-117-01\/\" class=\"_self\" target=\"_self\" >T-117-01<\/a><\/h4>\n<div class=\"pt-cv-content\">\u00a0 \u00a0 Sentencia T-117\/01 \u00a0 JUEZ CONSTITUCIONAL-Improcedencia para sustituir a las autoridades en las competencias asignadas por la Constituci\u00f3n Pol\u00edtica \u00a0 GOBIERNO NACIONAL-Formulaci\u00f3n anual del presupuesto y ley de apropiaciones\/JUEZ DE TUTELA-Imposibilidad de modificar presupuesto para incremento salarial de servidores p\u00fablicos\/ACCION DE TUTELA COMO MECANISMO TRANSITORIO-Improcedencia incremento salarial para servidores p\u00fablicos \u00a0 Referencia: expedientes T-383371 y acumulados \u00a0 Actor: Mar\u00eda Nelly Avenda\u00f1o Avenda\u00f1o y otros. \u00a0 Magistrada Ponente: \u00a0 Dra. MARTHA VICTORIA S\u00c1CHICA M\u00c9NDEZ\u00a0 \u00a0 Bogot\u00e1, D.C., treinta y uno (31) de enero de dos mil uno (2001) \u00a0 Los ciudadanos Mar\u00eda Nelly Avenda\u00f1o Avenda\u00f1o y otros 29 demandantes cuyos ...<br \/><div class=\"pt-cv-rmwrap\"><a href=\"https:\/\/www.dmsjuridica.com\/buscador_20179478954\/corteconstitucionalcronologico202454587\/t-117-01\/\" class=\"_self pt-cv-readmore btn btn-success\" target=\"_self\">Ver Sentencia Completa...<\/a><\/div><\/div><\/div><\/div>\n<div class=\"col-md-12 col-sm-12 col-xs-12 pt-cv-content-item pt-cv-1-col\" ><div class='pt-cv-ifield'><a href=\"https:\/\/www.dmsjuridica.com\/buscador_20179478954\/corteconstitucionalcronologico202454587\/t-1169-01\/\" class=\"_self pt-cv-href-thumbnail pt-cv-thumb-default\" target=\"_self\" ><\/a>\n<div class=\"pt-cv-taxoterm above_title\"><a href='https:\/\/www.dmsjuridica.com\/buscador_20179478954\/corteconstitucionalcronologico202454587\/category\/buscar-en-toda-la-corte\/2001\/tutelas-2001\/' title='Tutelas 2001' class='pt-cv-tax-tutelas-2001'>Tutelas 2001<\/a><\/div>\n<h4 class=\"pt-cv-title\"><a href=\"https:\/\/www.dmsjuridica.com\/buscador_20179478954\/corteconstitucionalcronologico202454587\/t-1169-01\/\" class=\"_self\" target=\"_self\" >T-1169-01<\/a><\/h4>\n<div class=\"pt-cv-content\">\u00a0 \u00a0 Sentencia T-1169\/01 \u00a0 ACCION DE TUTELA CONTRA PROVIDENCIAS JUDICIALES-Improcedencia general \u00a0 ACCION DE TUTELA CONTRA PROVIDENCIAS JUDICIALES-Procedencia excepcional por v\u00eda de hecho judicial \u00a0 VIA DE HECHO-Clases de defectos en la actuaci\u00f3n \u00a0 ACCION DE TUTELA-Subsidiariedad \u00a0 PERJUICIO IRREMEDIABLE-Elementos \u00a0 NORMA SUSTANCIAL-Definici\u00f3n\/NORMA SUSTANCIAL-Violaci\u00f3n directa \u00a0 MEDIO DE DEFENSA JUDICIAL EFICAZ-Improcedencia de tutela \u00a0 ACCION DE TUTELA-Improcedencia por no ejercicio oportuno de recurso de s\u00faplica \u00a0 Solo en la medida en que se hubiera ejercido el recurso extraordinario de s\u00faplica, con la consecuencia de no haber sido admitido o de haber sido denegado, le era viable al actor acudir ...<br \/><div class=\"pt-cv-rmwrap\"><a href=\"https:\/\/www.dmsjuridica.com\/buscador_20179478954\/corteconstitucionalcronologico202454587\/t-1169-01\/\" class=\"_self pt-cv-readmore btn btn-success\" target=\"_self\">Ver Sentencia Completa...<\/a><\/div><\/div><\/div><\/div>\n<div class=\"col-md-12 col-sm-12 col-xs-12 pt-cv-content-item pt-cv-1-col\" ><div class='pt-cv-ifield'><a href=\"https:\/\/www.dmsjuridica.com\/buscador_20179478954\/corteconstitucionalcronologico202454587\/t-1166-01\/\" class=\"_self pt-cv-href-thumbnail pt-cv-thumb-default\" target=\"_self\" ><\/a>\n<div class=\"pt-cv-taxoterm above_title\"><a href='https:\/\/www.dmsjuridica.com\/buscador_20179478954\/corteconstitucionalcronologico202454587\/category\/buscar-en-toda-la-corte\/2001\/tutelas-2001\/' title='Tutelas 2001' class='pt-cv-tax-tutelas-2001'>Tutelas 2001<\/a><\/div>\n<h4 class=\"pt-cv-title\"><a href=\"https:\/\/www.dmsjuridica.com\/buscador_20179478954\/corteconstitucionalcronologico202454587\/t-1166-01\/\" class=\"_self\" target=\"_self\" >T-1166-01<\/a><\/h4>\n<div class=\"pt-cv-content\">\u00a0 \u00a0 Sentencia T-1166\/01 \u00a0 DERECHO DE PETICION-Pronta resoluci\u00f3n \u00a0 DERECHO DE PETICION-Resoluci\u00f3n oportuna y de fondo \u00a0 DERECHO DE PETICION ANTE SOCIEDADES QUE ADMINISTRAN FONDOS DE PENSIONES-T\u00e9rmino para resolver solicitudes de pensiones \u00a0 DERECHO DE PETICION ANTE EL SEGURO SOCIAL-Aplicaci\u00f3n anal\u00f3gica de t\u00e9rmino de cuatro meses para resolver reconocimiento de pensiones legales \u00a0 DERECHO DE PETICION-Vulneraci\u00f3n por falta de respuesta oportuna y de fondo \u00a0 Referencia: expediente T- 505.746 \u00a0 Acci\u00f3n de tutela instaurada por Luis Enrique Sastoque Ruiz contra el Fondo de Previsi\u00f3n Social del Congreso de la Rep\u00fablica. \u00a0 Magistrado Ponente: \u00a0 Dr. ALFREDO BELTR\u00c1N SIERRA. \u00a0 ...<br \/><div class=\"pt-cv-rmwrap\"><a href=\"https:\/\/www.dmsjuridica.com\/buscador_20179478954\/corteconstitucionalcronologico202454587\/t-1166-01\/\" class=\"_self pt-cv-readmore btn btn-success\" target=\"_self\">Ver Sentencia Completa...<\/a><\/div><\/div><\/div><\/div>\n<div class=\"col-md-12 col-sm-12 col-xs-12 pt-cv-content-item pt-cv-1-col\" ><div class='pt-cv-ifield'><a href=\"https:\/\/www.dmsjuridica.com\/buscador_20179478954\/corteconstitucionalcronologico202454587\/t-1165-01\/\" class=\"_self pt-cv-href-thumbnail pt-cv-thumb-default\" target=\"_self\" ><\/a>\n<div class=\"pt-cv-taxoterm above_title\"><a href='https:\/\/www.dmsjuridica.com\/buscador_20179478954\/corteconstitucionalcronologico202454587\/category\/buscar-en-toda-la-corte\/2001\/tutelas-2001\/' title='Tutelas 2001' class='pt-cv-tax-tutelas-2001'>Tutelas 2001<\/a><\/div>\n<h4 class=\"pt-cv-title\"><a href=\"https:\/\/www.dmsjuridica.com\/buscador_20179478954\/corteconstitucionalcronologico202454587\/t-1165-01\/\" class=\"_self\" target=\"_self\" >T-1165-01<\/a><\/h4>\n<div class=\"pt-cv-content\">\u00a0 \u00a0 \u00a0\u00a0 Sentencia T-1165\/01 \u00a0 ENTIDAD ASEGURADORA-Procedencia de tutela por indefensi\u00f3n de los demandantes\/ENTIDAD ASEGURADORA-Niega suscripci\u00f3n de p\u00f3liza de vida a portadores de VIH \u00a0 DERECHO A LA VIVIENDA DIGNA-Fundamental por conexidad \u00a0 DERECHO A LA IGUALDAD-Discriminaci\u00f3n a portadores de VIH\/DERECHO A LA DIGNIDAD HUMANA-No expedici\u00f3n seguro de vida a portadores de VIH \u00a0 La conducta asumida por la entidad aseguradora, es discriminatoria y no consulta los prop\u00f3sitos que rigen el Estado social de derecho fundado en el respeto a la dignidad humana, pues no se puede concebir bajo ning\u00fan argumento que el ser portador asintom\u00e1tico de vih, sea ...<br \/><div class=\"pt-cv-rmwrap\"><a href=\"https:\/\/www.dmsjuridica.com\/buscador_20179478954\/corteconstitucionalcronologico202454587\/t-1165-01\/\" class=\"_self pt-cv-readmore btn btn-success\" target=\"_self\">Ver Sentencia Completa...<\/a><\/div><\/div><\/div><\/div>\n<div class=\"col-md-12 col-sm-12 col-xs-12 pt-cv-content-item pt-cv-1-col\" ><div class='pt-cv-ifield'><a href=\"https:\/\/www.dmsjuridica.com\/buscador_20179478954\/corteconstitucionalcronologico202454587\/t-1164-01\/\" class=\"_self pt-cv-href-thumbnail pt-cv-thumb-default\" target=\"_self\" ><\/a>\n<div class=\"pt-cv-taxoterm above_title\"><a href='https:\/\/www.dmsjuridica.com\/buscador_20179478954\/corteconstitucionalcronologico202454587\/category\/buscar-en-toda-la-corte\/2001\/tutelas-2001\/' title='Tutelas 2001' class='pt-cv-tax-tutelas-2001'>Tutelas 2001<\/a><\/div>\n<h4 class=\"pt-cv-title\"><a href=\"https:\/\/www.dmsjuridica.com\/buscador_20179478954\/corteconstitucionalcronologico202454587\/t-1164-01\/\" class=\"_self\" target=\"_self\" >T-1164-01<\/a><\/h4>\n<div class=\"pt-cv-content\">\u00a0 \u00a0 Sentencia T-1164\/01 \u00a0 \u00a0 \u00a0 \u00a0 CARRERA JUDICIAL-Procedencia de acci\u00f3n de tutela por no utilizaci\u00f3n de lista de elegibles \u00a0 Lo que sencillamente ha ocurrido es que el Juez accionado no ha querido hacer uso de la lista de elegibles que se formul\u00f3 mediante el Acuerdo No. 085 de 2001, expedido por la Sala Administrativa del Consejo Seccional de la Judicatura del Cauca. Y para hacer efectiva esa lista el tutelante carece de una acci\u00f3n que pudiere formular ante el Contencioso Administrativo, o por lo menos no existe claridad de cu\u00e1l ser\u00eda ese mecanismo que le permitir\u00eda, en ...<br \/><div class=\"pt-cv-rmwrap\"><a href=\"https:\/\/www.dmsjuridica.com\/buscador_20179478954\/corteconstitucionalcronologico202454587\/t-1164-01\/\" class=\"_self pt-cv-readmore btn btn-success\" target=\"_self\">Ver Sentencia Completa...<\/a><\/div><\/div><\/div><\/div>\n<div class=\"col-md-12 col-sm-12 col-xs-12 pt-cv-content-item pt-cv-1-col\" ><div class='pt-cv-ifield'><a href=\"https:\/\/www.dmsjuridica.com\/buscador_20179478954\/corteconstitucionalcronologico202454587\/t-1163-01\/\" class=\"_self pt-cv-href-thumbnail pt-cv-thumb-default\" target=\"_self\" ><\/a>\n<div class=\"pt-cv-taxoterm above_title\"><a href='https:\/\/www.dmsjuridica.com\/buscador_20179478954\/corteconstitucionalcronologico202454587\/category\/buscar-en-toda-la-corte\/2001\/tutelas-2001\/' title='Tutelas 2001' class='pt-cv-tax-tutelas-2001'>Tutelas 2001<\/a><\/div>\n<h4 class=\"pt-cv-title\"><a href=\"https:\/\/www.dmsjuridica.com\/buscador_20179478954\/corteconstitucionalcronologico202454587\/t-1163-01\/\" class=\"_self\" target=\"_self\" >T-1163-01<\/a><\/h4>\n<div class=\"pt-cv-content\">\u00a0 \u00a0 Sentencia T-1163\/01 \u00a0 COMPA\u00d1IA DE INVERSIONES DE LA FLOTA MERCANTE-Disponibilidad de recursos para pago de mesadas pensionales \u00a0 ACCION DE TUTELA-Procedencia excepcional pago de acreencias laborales \u00a0 DERECHO A LA SEGURIDAD SOCIAL-Fundamental por conexidad \u00a0 EMPRESA EN CONCORDATO O LIQUIDACION-Pago preferente de acreencias laborales \u00a0 ACCION DE TUTELA TRANSITORIA-Procedencia \u00a0 EMPRESA EN LIQUIDACION-Casos excepcionales para pago de mesadas pensionales \u00a0 FEDERACION NACIONAL DE CAFETEROS-Responsabilidad subsidiaria \u00a0 RESPONSABILIDAD SUBSIDIARIA DE SOCIEDAD MATRIZ \u00a0 \u00a0 Reiteraci\u00f3n de Jurisprudencia \u00a0 Referencia: expedientes T-387801, T-416446 y T-468531. \u00a0 Acciones de tutela instauradas por Manuel de Jes\u00fas Padilla Pinto, Adolfo Salguedo Torres, Isidoro ...<br \/><div class=\"pt-cv-rmwrap\"><a href=\"https:\/\/www.dmsjuridica.com\/buscador_20179478954\/corteconstitucionalcronologico202454587\/t-1163-01\/\" class=\"_self pt-cv-readmore btn btn-success\" target=\"_self\">Ver Sentencia Completa...<\/a><\/div><\/div><\/div><\/div>\n<div class=\"col-md-12 col-sm-12 col-xs-12 pt-cv-content-item pt-cv-1-col\" ><div class='pt-cv-ifield'><a href=\"https:\/\/www.dmsjuridica.com\/buscador_20179478954\/corteconstitucionalcronologico202454587\/t-1162-01\/\" class=\"_self pt-cv-href-thumbnail pt-cv-thumb-default\" target=\"_self\" ><\/a>\n<div class=\"pt-cv-taxoterm above_title\"><a href='https:\/\/www.dmsjuridica.com\/buscador_20179478954\/corteconstitucionalcronologico202454587\/category\/buscar-en-toda-la-corte\/2001\/tutelas-2001\/' title='Tutelas 2001' class='pt-cv-tax-tutelas-2001'>Tutelas 2001<\/a><\/div>\n<h4 class=\"pt-cv-title\"><a href=\"https:\/\/www.dmsjuridica.com\/buscador_20179478954\/corteconstitucionalcronologico202454587\/t-1162-01\/\" class=\"_self\" target=\"_self\" >T-1162-01<\/a><\/h4>\n<div class=\"pt-cv-content\">\u00a0 \u00a0 Sentencia T-1162\/01 \u00a0 REVOCACION DIRECTA DE ACTO ADMINISTRATIVO PARTICULAR Y CONCRETO-Alcance frente al debido proceso \u00a0 REVOCACION DIRECTA DE ACTO ADMINISTRATIVO \u00a0PARTICULAR Y CONCRETO-Actuaciones \u00a0 ADMINISTRACION MUNICIPAL-Omisi\u00f3n en convocatoria a concurso de docentes \u00a0 Es evidente que los solicitantes fueron nombrados y posesionados en sus cargos sin el previo cumplimiento del concurso establecido por la ley, pero tambi\u00e9n lo es que dicha falencia tuvo lugar por la conducta omisiva de la administraci\u00f3n municipal, es decir, por su incumplimiento al deber de convocatoria a concurso que la preceptiva rectora le impone frente a la provisi\u00f3n de la n\u00f3mina docente ...<br \/><div class=\"pt-cv-rmwrap\"><a href=\"https:\/\/www.dmsjuridica.com\/buscador_20179478954\/corteconstitucionalcronologico202454587\/t-1162-01\/\" class=\"_self pt-cv-readmore btn btn-success\" target=\"_self\">Ver Sentencia Completa...<\/a><\/div><\/div><\/div><\/div>\n<div class=\"col-md-12 col-sm-12 col-xs-12 pt-cv-content-item pt-cv-1-col\" ><div class='pt-cv-ifield'><a href=\"https:\/\/www.dmsjuridica.com\/buscador_20179478954\/corteconstitucionalcronologico202454587\/t-1161-01\/\" class=\"_self pt-cv-href-thumbnail pt-cv-thumb-default\" target=\"_self\" ><\/a>\n<div class=\"pt-cv-taxoterm above_title\"><a href='https:\/\/www.dmsjuridica.com\/buscador_20179478954\/corteconstitucionalcronologico202454587\/category\/buscar-en-toda-la-corte\/2001\/tutelas-2001\/' title='Tutelas 2001' class='pt-cv-tax-tutelas-2001'>Tutelas 2001<\/a><\/div>\n<h4 class=\"pt-cv-title\"><a href=\"https:\/\/www.dmsjuridica.com\/buscador_20179478954\/corteconstitucionalcronologico202454587\/t-1161-01\/\" class=\"_self\" target=\"_self\" >T-1161-01<\/a><\/h4>\n<div class=\"pt-cv-content\">\u00a0 \u00a0 Sentencia T-1161\/01 \u00a0 DERECHO A LA EDUCACION-Suspensi\u00f3n de pensi\u00f3n por llegar hijo a los dieciocho a\u00f1os \u00a0 PENSION DE SOBREVIVIENTES-Interrupci\u00f3n que impide continuaci\u00f3n de estudios \u00a0 PENSION DE SOBREVIVIENTES-Suspensi\u00f3n invocando disposici\u00f3n anterior a la Constituci\u00f3n y desconociendo ley de seguridad social \u00a0 Reiteraci\u00f3n de Jurisprudencia \u00a0 Referencia: \u00a0expediente T-482737 \u00a0 Acci\u00f3n de tutela incoada por BIBIANA ANDREA MACHUCA MONTILLA contra el Instituto de Seguros Sociales. Seccional Bogot\u00e1 \u00a0 Magistrado Ponente: \u00a0 Dr. JAIME ARAUJO RENTER\u00cdA. \u00a0 Bogot\u00e1 D.C., primero (1\u00ba) de noviembre del a\u00f1o dos mil uno (2001.). \u00a0 La Sala Primera de Revisi\u00f3n de la Corte Constitucional, ...<br \/><div class=\"pt-cv-rmwrap\"><a href=\"https:\/\/www.dmsjuridica.com\/buscador_20179478954\/corteconstitucionalcronologico202454587\/t-1161-01\/\" class=\"_self pt-cv-readmore btn btn-success\" target=\"_self\">Ver Sentencia Completa...<\/a><\/div><\/div><\/div><\/div>\n<div class=\"col-md-12 col-sm-12 col-xs-12 pt-cv-content-item pt-cv-1-col\" ><div class='pt-cv-ifield'><a href=\"https:\/\/www.dmsjuridica.com\/buscador_20179478954\/corteconstitucionalcronologico202454587\/t-1160-01\/\" class=\"_self pt-cv-href-thumbnail pt-cv-thumb-default\" target=\"_self\" ><\/a>\n<div class=\"pt-cv-taxoterm above_title\"><a href='https:\/\/www.dmsjuridica.com\/buscador_20179478954\/corteconstitucionalcronologico202454587\/category\/buscar-en-toda-la-corte\/2001\/tutelas-2001\/' title='Tutelas 2001' class='pt-cv-tax-tutelas-2001'>Tutelas 2001<\/a><\/div>\n<h4 class=\"pt-cv-title\"><a href=\"https:\/\/www.dmsjuridica.com\/buscador_20179478954\/corteconstitucionalcronologico202454587\/t-1160-01\/\" class=\"_self\" target=\"_self\" >T-1160-01<\/a><\/h4>\n<div class=\"pt-cv-content\">\u00a0 \u00a0 Sentencia T-1160\/01 \u00a0 ENTIDADES TERRITORIALES-Acuerdos de reestructuraci\u00f3n \u00a0 PROCESO DE REESTRUCTURACION DE ENTIDADES-Pago preferente de acreencias laborales \u00a0 No obstante y como quiera que la demandada aduce encontrarse en proceso de reestructuraci\u00f3n, el criterio de esta Corte es, que trat\u00e1ndose de salarios y pensiones, sean estos anteriores o posteriores a dicho proceso, constituyen gastos de administraci\u00f3n que deben ser cancelados de preferencia, \u00a0a fin de no comprometer ni vulnerar derechos fundamentales. \u00a0\u00a0 \u00a0 ACCION DE TUTELA-Procedencia excepcional pago de acreencias laborales \u00a0 DERECHO AL MINIMO VITAL DEL TRABAJADOR-Pago oportuno de salarios \u00a0 EMPLEADOR-Situaci\u00f3n econ\u00f3mica o presupuestal no es ...<br \/><div class=\"pt-cv-rmwrap\"><a href=\"https:\/\/www.dmsjuridica.com\/buscador_20179478954\/corteconstitucionalcronologico202454587\/t-1160-01\/\" class=\"_self pt-cv-readmore btn btn-success\" target=\"_self\">Ver Sentencia Completa...<\/a><\/div><\/div><\/div><\/div>\n<div class=\"col-md-12 col-sm-12 col-xs-12 pt-cv-content-item pt-cv-1-col\" ><div class='pt-cv-ifield'><a href=\"https:\/\/www.dmsjuridica.com\/buscador_20179478954\/corteconstitucionalcronologico202454587\/t-116-01\/\" class=\"_self pt-cv-href-thumbnail pt-cv-thumb-default\" target=\"_self\" ><\/a>\n<div class=\"pt-cv-taxoterm above_title\"><a href='https:\/\/www.dmsjuridica.com\/buscador_20179478954\/corteconstitucionalcronologico202454587\/category\/buscar-en-toda-la-corte\/2001\/tutelas-2001\/' title='Tutelas 2001' class='pt-cv-tax-tutelas-2001'>Tutelas 2001<\/a><\/div>\n<h4 class=\"pt-cv-title\"><a href=\"https:\/\/www.dmsjuridica.com\/buscador_20179478954\/corteconstitucionalcronologico202454587\/t-116-01\/\" class=\"_self\" target=\"_self\" >T-116-01<\/a><\/h4>\n<div class=\"pt-cv-content\">\u00a0 \u00a0 Sentencia T-116\/01 \u00a0 ACCION DE TUTELA-Hecho superado \u00a0 DERECHO DE PETICION-Pronta resoluci\u00f3n \u00a0 Referencia: expediente T-382196\u00a0 \u00a0 Acci\u00f3n de tutela instaurada por Gloria Cuartas Garc\u00eda contra el Banco Ganadero S.A.\u00a0 \u00a0 Magistrada Ponente: \u00a0 Dra. MARTHA VICTORIA S\u00c1CHICA M\u00c9NDEZ \u00a0 Bogot\u00e1, D.C., enero treinta y uno (31) de dos mil uno (2001) \u00a0 La Sala Tercera de Revisi\u00f3n de la Corte Constitucional, integrada por los magistrados Martha V. S\u00e1chica M\u00e9ndez, Carlos Gaviria D\u00edaz y Jos\u00e9 Gregorio Hern\u00e1ndez Galindo, en ejercicio de sus competencias constitucionales y legales, ha proferido la siguiente \u00a0 SENTENCIA \u00a0 en el proceso de revisi\u00f3n ...<br \/><div class=\"pt-cv-rmwrap\"><a href=\"https:\/\/www.dmsjuridica.com\/buscador_20179478954\/corteconstitucionalcronologico202454587\/t-116-01\/\" class=\"_self pt-cv-readmore btn btn-success\" target=\"_self\">Ver Sentencia Completa...<\/a><\/div><\/div><\/div><\/div>\n<div class=\"col-md-12 col-sm-12 col-xs-12 pt-cv-content-item pt-cv-1-col\" ><div class='pt-cv-ifield'><a href=\"https:\/\/www.dmsjuridica.com\/buscador_20179478954\/corteconstitucionalcronologico202454587\/t-1159-01\/\" class=\"_self pt-cv-href-thumbnail pt-cv-thumb-default\" target=\"_self\" ><\/a>\n<div class=\"pt-cv-taxoterm above_title\"><a href='https:\/\/www.dmsjuridica.com\/buscador_20179478954\/corteconstitucionalcronologico202454587\/category\/buscar-en-toda-la-corte\/2001\/tutelas-2001\/' title='Tutelas 2001' class='pt-cv-tax-tutelas-2001'>Tutelas 2001<\/a><\/div>\n<h4 class=\"pt-cv-title\"><a href=\"https:\/\/www.dmsjuridica.com\/buscador_20179478954\/corteconstitucionalcronologico202454587\/t-1159-01\/\" class=\"_self\" target=\"_self\" >T-1159-01<\/a><\/h4>\n<div class=\"pt-cv-content\">\u00a0 \u00a0 Sentencia T-1159\/01 \u00a0 PROCESO DE RESPONSABILIDAD FISCAL-Naturaleza \u00a0 El proceso de responsabilidad fiscal, es la herramienta jur\u00eddica de que disponen la Contralor\u00eda General de la Rep\u00fablica y las Contralor\u00edas Departamentales, Distritales y Municipales para determinar la responsabilidad de servidores p\u00fablicos o de particulares, en el manejo de fondos y bienes p\u00fablicos. \u00a0 PROCESO DE RESPONSABILIDAD FISCAL-T\u00e9rmino de caducidad \u00a0 CADUCIDAD DE LA ACCION FISCAL-Implicaci\u00f3n \u00a0 CADUCIDAD DE PROCESO DE RESPONSABILIDAD FISCAL-Aplicaci\u00f3n \u00a0 PROCESO DE RESPONSABILIDAD FISCAL-Desarrollo legislativo \u00a0 DEBIDO PROCESO-Vulneraci\u00f3n por cuanto la acci\u00f3n fiscal caduc\u00f3\/CADUCIDAD DE LA ACCION FISCAL-No se pod\u00eda iniciar proceso \u00a0 Pretender hacer uso ...<br \/><div class=\"pt-cv-rmwrap\"><a href=\"https:\/\/www.dmsjuridica.com\/buscador_20179478954\/corteconstitucionalcronologico202454587\/t-1159-01\/\" class=\"_self pt-cv-readmore btn btn-success\" target=\"_self\">Ver Sentencia Completa...<\/a><\/div><\/div><\/div><\/div>\n<div class=\"col-md-12 col-sm-12 col-xs-12 pt-cv-content-item pt-cv-1-col\" ><div class='pt-cv-ifield'><a href=\"https:\/\/www.dmsjuridica.com\/buscador_20179478954\/corteconstitucionalcronologico202454587\/t-1158-01\/\" class=\"_self pt-cv-href-thumbnail pt-cv-thumb-default\" target=\"_self\" ><\/a>\n<div class=\"pt-cv-taxoterm above_title\"><a href='https:\/\/www.dmsjuridica.com\/buscador_20179478954\/corteconstitucionalcronologico202454587\/category\/buscar-en-toda-la-corte\/2001\/tutelas-2001\/' title='Tutelas 2001' class='pt-cv-tax-tutelas-2001'>Tutelas 2001<\/a><\/div>\n<h4 class=\"pt-cv-title\"><a href=\"https:\/\/www.dmsjuridica.com\/buscador_20179478954\/corteconstitucionalcronologico202454587\/t-1158-01\/\" class=\"_self\" target=\"_self\" >T-1158-01<\/a><\/h4>\n<div class=\"pt-cv-content\">\u00a0 \u00a0 Sentencia T-1158\/01 \u00a0 DERECHO A LA SALUD DE MENOR DE EDAD DISCAPACITADO-Protecci\u00f3n preferente \u00a0 DERECHO A LA CONTINUIDAD EN EL SERVICIO DE SALUD-Atenci\u00f3n m\u00e9dica a menor\/DERECHO A LA EFICIENCIA EN EL SERVICIO DE SALUD-Atenci\u00f3n a menor \u00a0 DERECHO A LA SEGURIDAD SOCIAL DE DISCAPACITADO-Implica accesibilidad al servicio\/DERECHO A LA SALUD DE MENOR DE EDAD DISCAPACITADO-Orden de traslado en ambulancia \u00a0 Trat\u00e1ndose de un inv\u00e1lido, la accesibilidad implica la superaci\u00f3n de todo entorno hostil, lleno de obst\u00e1culos. Obstaculizar el acceso \u00a0significa una afectaci\u00f3n al derecho de igualdad. No existe accesibilidad si se programan, como en el caso materia del ...<br \/><div class=\"pt-cv-rmwrap\"><a href=\"https:\/\/www.dmsjuridica.com\/buscador_20179478954\/corteconstitucionalcronologico202454587\/t-1158-01\/\" class=\"_self pt-cv-readmore btn btn-success\" target=\"_self\">Ver Sentencia Completa...<\/a><\/div><\/div><\/div><\/div>\n<div class=\"col-md-12 col-sm-12 col-xs-12 pt-cv-content-item pt-cv-1-col\" ><div class='pt-cv-ifield'><a href=\"https:\/\/www.dmsjuridica.com\/buscador_20179478954\/corteconstitucionalcronologico202454587\/t-1157-01\/\" class=\"_self pt-cv-href-thumbnail pt-cv-thumb-default\" target=\"_self\" ><\/a>\n<div class=\"pt-cv-taxoterm above_title\"><a href='https:\/\/www.dmsjuridica.com\/buscador_20179478954\/corteconstitucionalcronologico202454587\/category\/buscar-en-toda-la-corte\/2001\/tutelas-2001\/' title='Tutelas 2001' class='pt-cv-tax-tutelas-2001'>Tutelas 2001<\/a><\/div>\n<h4 class=\"pt-cv-title\"><a href=\"https:\/\/www.dmsjuridica.com\/buscador_20179478954\/corteconstitucionalcronologico202454587\/t-1157-01\/\" class=\"_self\" target=\"_self\" >T-1157-01<\/a><\/h4>\n<div class=\"pt-cv-content\">Sentencia T-1157\/01 \u00a0 ACCION DE TUTELA-Improcedencia para revivir t\u00e9rminos \u00a0 Al estar caducada la acci\u00f3n ante lo contencioso administrativo, no se puede venir a interponer tard\u00edamente la acci\u00f3n de tutela como mecanismo transitorio. Lo primero que salta a la vista es que la tutela no puede revivir t\u00e9rminos como en el caso en estudio donde se pretende atacar un acto expedido en 1997. Luego bajo ning\u00fan aspecto puede prosperar dentro de los par\u00e1metros del art\u00edculo 8\u00b0 del decreto 2591 de 1991. Dicho art\u00edculo indica que la orden de tutela permanecer\u00e1 vigente solo durante el t\u00e9rmino que la autoridad competente utilice ...<br \/><div class=\"pt-cv-rmwrap\"><a href=\"https:\/\/www.dmsjuridica.com\/buscador_20179478954\/corteconstitucionalcronologico202454587\/t-1157-01\/\" class=\"_self pt-cv-readmore btn btn-success\" target=\"_self\">Ver Sentencia Completa...<\/a><\/div><\/div><\/div><\/div>\n<div class=\"col-md-12 col-sm-12 col-xs-12 pt-cv-content-item pt-cv-1-col\" ><div class='pt-cv-ifield'><a href=\"https:\/\/www.dmsjuridica.com\/buscador_20179478954\/corteconstitucionalcronologico202454587\/t-1156-01\/\" class=\"_self pt-cv-href-thumbnail pt-cv-thumb-default\" target=\"_self\" ><\/a>\n<div class=\"pt-cv-taxoterm above_title\"><a href='https:\/\/www.dmsjuridica.com\/buscador_20179478954\/corteconstitucionalcronologico202454587\/category\/buscar-en-toda-la-corte\/2001\/tutelas-2001\/' title='Tutelas 2001' class='pt-cv-tax-tutelas-2001'>Tutelas 2001<\/a><\/div>\n<h4 class=\"pt-cv-title\"><a href=\"https:\/\/www.dmsjuridica.com\/buscador_20179478954\/corteconstitucionalcronologico202454587\/t-1156-01\/\" class=\"_self\" target=\"_self\" >T-1156-01<\/a><\/h4>\n<div class=\"pt-cv-content\">\u00a0 \u00a0 Sentencia T-1156\/01 \u00a0 ACCION DE TUTELA CONTRA PARTICULARES-Procedencia excepcional \u00a0 ACCION DE TUTELA CONTRA PARTICULARES-Subordinaci\u00f3n \u00a0 ACCION DE TUTELA-Procedencia excepcional pago de salarios \u00a0 DERECHO AL MINIMO VITAL DEL TRABAJADOR-Pago oportuno de salarios \u00a0 Referencia: expediente T-479213 \u00a0 Solicitante: Jorge L\u00f3pez Moreno \u00a0 Procedencia: Juzgado 42 Civil Municipal de Bogot\u00e1 \u00a0 Magistrado Sustanciador:\u00a0 \u00a0 Dr. MARCO GERARDO MONROY CABRA \u00a0 Bogot\u00e1 D.C., primero (1) de noviembre de dos mil uno (2001). \u00a0 La Sala Sexta de Revisi\u00f3n de la Corte Constitucional, integrada por los Magistrados doctores Marco Gerardo Monroy Cabra, Eduardo Montealegre Lynnet y Alvaro Tafur Galvis, en ...<br \/><div class=\"pt-cv-rmwrap\"><a href=\"https:\/\/www.dmsjuridica.com\/buscador_20179478954\/corteconstitucionalcronologico202454587\/t-1156-01\/\" class=\"_self pt-cv-readmore btn btn-success\" target=\"_self\">Ver Sentencia Completa...<\/a><\/div><\/div><\/div><\/div>\n<div class=\"col-md-12 col-sm-12 col-xs-12 pt-cv-content-item pt-cv-1-col\" ><div class='pt-cv-ifield'><a href=\"https:\/\/www.dmsjuridica.com\/buscador_20179478954\/corteconstitucionalcronologico202454587\/t-1155-01\/\" class=\"_self pt-cv-href-thumbnail pt-cv-thumb-default\" target=\"_self\" ><\/a>\n<div class=\"pt-cv-taxoterm above_title\"><a href='https:\/\/www.dmsjuridica.com\/buscador_20179478954\/corteconstitucionalcronologico202454587\/category\/buscar-en-toda-la-corte\/2001\/tutelas-2001\/' title='Tutelas 2001' class='pt-cv-tax-tutelas-2001'>Tutelas 2001<\/a><\/div>\n<h4 class=\"pt-cv-title\"><a href=\"https:\/\/www.dmsjuridica.com\/buscador_20179478954\/corteconstitucionalcronologico202454587\/t-1155-01\/\" class=\"_self\" target=\"_self\" >T-1155-01<\/a><\/h4>\n<div class=\"pt-cv-content\">\u00a0 \u00a0 \u00a0\u00a0 Sentencia T-1155\/01 \u00a0 LEGITIMACION POR ACTIVA EN TUTELA-Madre en representaci\u00f3n de hijos \u00a0 INTERES SUPERIOR DEL MENOR-Alcance \u00a0 INTERES SUPERIOR DEL MENOR-Caracter\u00edsticas \u00a0 ACCION DE TUTELA-Procedencia excepcional pago de mesadas pensionales\/DERECHO AL MINIMO VITAL DEL PENSIONADO-Pago oportuno de mesadas \u00a0 Referencia: expediente: T-478430 \u00a0 Actora: Rosa Mar\u00eda Parra Romero \u00a0 Procedencia: Juzgado Primero Civil Municipal de Monter\u00eda \u00a0 Magistrado Ponente:\u00a0 \u00a0 Dr. MARCO GERARDO MONROY CABRA \u00a0 Bogot\u00e1 D.C., primero (1) de noviembre de dos mil uno (2001) \u00a0 La Sala Sexta de la Corte Constitucional, integrada por los Magistrados doctores, Eduardo Montealegre Lynet, Alvaro Tafur Galvis ...<br \/><div class=\"pt-cv-rmwrap\"><a href=\"https:\/\/www.dmsjuridica.com\/buscador_20179478954\/corteconstitucionalcronologico202454587\/t-1155-01\/\" class=\"_self pt-cv-readmore btn btn-success\" target=\"_self\">Ver Sentencia Completa...<\/a><\/div><\/div><\/div><\/div>\n<div class=\"col-md-12 col-sm-12 col-xs-12 pt-cv-content-item pt-cv-1-col\" ><div class='pt-cv-ifield'><a href=\"https:\/\/www.dmsjuridica.com\/buscador_20179478954\/corteconstitucionalcronologico202454587\/t-1154-01\/\" class=\"_self pt-cv-href-thumbnail pt-cv-thumb-default\" target=\"_self\" ><\/a>\n<div class=\"pt-cv-taxoterm above_title\"><a href='https:\/\/www.dmsjuridica.com\/buscador_20179478954\/corteconstitucionalcronologico202454587\/category\/buscar-en-toda-la-corte\/2001\/tutelas-2001\/' title='Tutelas 2001' class='pt-cv-tax-tutelas-2001'>Tutelas 2001<\/a><\/div>\n<h4 class=\"pt-cv-title\"><a href=\"https:\/\/www.dmsjuridica.com\/buscador_20179478954\/corteconstitucionalcronologico202454587\/t-1154-01\/\" class=\"_self\" target=\"_self\" >T-1154-01<\/a><\/h4>\n<div class=\"pt-cv-content\">\u00a0 \u00a0 Sentencia T-1154\/01 \u00a0 BONOS PENSIONALES-Procedencia de tutela para reclamar la remisi\u00f3n\/DERECHO A LA VIDA-Remisi\u00f3n oportuna del bono pensional \u00a0 DERECHO A LA PENSION DE INVALIDEZ-Conexidad con el m\u00ednimo vital\/PENSION DE INVALIDEZ-Persona en circunstancias de debilidad manifiesta \u00a0 La tutela no s\u00f3lo debe prosperar cuando se trata de personas que han cumplido los requisitos para la pensi\u00f3n de vejez y no les ha sido reconocida por falta de expedici\u00f3n del bono pensional. Igualmente, debe ser tutelado el derecho al reconocimiento de la pensi\u00f3n en conexidad con el m\u00ednimo vital de aquellas personas que por su estado de invalidez tienen ...<br \/><div class=\"pt-cv-rmwrap\"><a href=\"https:\/\/www.dmsjuridica.com\/buscador_20179478954\/corteconstitucionalcronologico202454587\/t-1154-01\/\" class=\"_self pt-cv-readmore btn btn-success\" target=\"_self\">Ver Sentencia Completa...<\/a><\/div><\/div><\/div><\/div>\n<div class=\"col-md-12 col-sm-12 col-xs-12 pt-cv-content-item pt-cv-1-col\" ><div class='pt-cv-ifield'><a href=\"https:\/\/www.dmsjuridica.com\/buscador_20179478954\/corteconstitucionalcronologico202454587\/t-1153-01\/\" class=\"_self pt-cv-href-thumbnail pt-cv-thumb-default\" target=\"_self\" ><\/a>\n<div class=\"pt-cv-taxoterm above_title\"><a href='https:\/\/www.dmsjuridica.com\/buscador_20179478954\/corteconstitucionalcronologico202454587\/category\/buscar-en-toda-la-corte\/2001\/tutelas-2001\/' title='Tutelas 2001' class='pt-cv-tax-tutelas-2001'>Tutelas 2001<\/a><\/div>\n<h4 class=\"pt-cv-title\"><a href=\"https:\/\/www.dmsjuridica.com\/buscador_20179478954\/corteconstitucionalcronologico202454587\/t-1153-01\/\" class=\"_self\" target=\"_self\" >T-1153-01<\/a><\/h4>\n<div class=\"pt-cv-content\">\u00a0 \u00a0 Sentencia T-1153\/01 \u00a0 MEDIO DE DEFENSA JUDICIAL INEFICAZ-Conflicto econ\u00f3mico laboral por aplicaci\u00f3n de convenci\u00f3n colectiva \u00a0 Los derechos constitucionales de los accionantes no pueden ser restablecidos por los jueces ordinarios, facultados para hacer exigibles las estipulaciones de las convenciones colectivas de trabajo, habida cuenta que tales derechos no est\u00e1n siendo quebrantados por una aplicaci\u00f3n indebida, como tampoco por una interpretaci\u00f3n err\u00f3nea de la Convenci\u00f3n, sino porque las partes contratantes as\u00ed lo convinieron, contrario a lo sostenido por los jueces de instancia, corresponde al juez constitucional el restablecimiento de dichos derechos. Por otra parte, establecido que el juez ordinario ...<br \/><div class=\"pt-cv-rmwrap\"><a href=\"https:\/\/www.dmsjuridica.com\/buscador_20179478954\/corteconstitucionalcronologico202454587\/t-1153-01\/\" class=\"_self pt-cv-readmore btn btn-success\" target=\"_self\">Ver Sentencia Completa...<\/a><\/div><\/div><\/div><\/div>\n<div class=\"col-md-12 col-sm-12 col-xs-12 pt-cv-content-item pt-cv-1-col\" ><div class='pt-cv-ifield'><a href=\"https:\/\/www.dmsjuridica.com\/buscador_20179478954\/corteconstitucionalcronologico202454587\/t-1152-01\/\" class=\"_self pt-cv-href-thumbnail pt-cv-thumb-default\" target=\"_self\" ><\/a>\n<div class=\"pt-cv-taxoterm above_title\"><a href='https:\/\/www.dmsjuridica.com\/buscador_20179478954\/corteconstitucionalcronologico202454587\/category\/buscar-en-toda-la-corte\/2001\/tutelas-2001\/' title='Tutelas 2001' class='pt-cv-tax-tutelas-2001'>Tutelas 2001<\/a><\/div>\n<h4 class=\"pt-cv-title\"><a href=\"https:\/\/www.dmsjuridica.com\/buscador_20179478954\/corteconstitucionalcronologico202454587\/t-1152-01\/\" class=\"_self\" target=\"_self\" >T-1152-01<\/a><\/h4>\n<div class=\"pt-cv-content\">\u00a0 \u00a0 Sentencia T-1152\/01 \u00a0 ACCION DE TUTELA-Improcedencia para ordenar incremento salarial \u00a0 -Reiteraci\u00f3n de Jurisprudencia- \u00a0 Referencia: expediente T-478764 \u00a0 Acci\u00f3n de tutela instaurada por Liliana D\u00edaz Quintero contra el presidente de la Asamblea Departamental de Cundinamarca. \u00a0 Magistrado Ponente: \u00a0 Bogot\u00e1 D. C., primero (1) de noviembre del a\u00f1o dos mil uno (2001). \u00a0 La Sala Octava de Revisi\u00f3n de la Corte Constitucional, en ejercicio de sus competencias constitucionales y legales, en particular las contenidas en los art\u00edculos 86 y 241, numeral 9, de la Constituci\u00f3n y en el Decreto 2591 de 1991, ha proferido la siguiente, \u00a0 ...<br \/><div class=\"pt-cv-rmwrap\"><a href=\"https:\/\/www.dmsjuridica.com\/buscador_20179478954\/corteconstitucionalcronologico202454587\/t-1152-01\/\" class=\"_self pt-cv-readmore btn btn-success\" target=\"_self\">Ver Sentencia Completa...<\/a><\/div><\/div><\/div><\/div>\n<div class=\"col-md-12 col-sm-12 col-xs-12 pt-cv-content-item pt-cv-1-col\" ><div class='pt-cv-ifield'><a href=\"https:\/\/www.dmsjuridica.com\/buscador_20179478954\/corteconstitucionalcronologico202454587\/t-1151-01\/\" class=\"_self pt-cv-href-thumbnail pt-cv-thumb-default\" target=\"_self\" ><\/a>\n<div class=\"pt-cv-taxoterm above_title\"><a href='https:\/\/www.dmsjuridica.com\/buscador_20179478954\/corteconstitucionalcronologico202454587\/category\/buscar-en-toda-la-corte\/2001\/tutelas-2001\/' title='Tutelas 2001' class='pt-cv-tax-tutelas-2001'>Tutelas 2001<\/a><\/div>\n<h4 class=\"pt-cv-title\"><a href=\"https:\/\/www.dmsjuridica.com\/buscador_20179478954\/corteconstitucionalcronologico202454587\/t-1151-01\/\" class=\"_self\" target=\"_self\" >T-1151-01<\/a><\/h4>\n<div class=\"pt-cv-content\">\u00a0 \u00a0 Sentencia T-1151\/01 \u00a0 DERECHO A LA SALUD DEL ENFERMO DE SIDA-Examen de carga viral \u00a0 Reiteraci\u00f3n de Jurisprudencia \u00a0 Referencia: expedientes Acumulados T-476799 y \u00a0 \u00a0T-476802. \u00a0 Magistrado Ponente: \u00a0 Dr. ALVARO TAFUR GALVIS \u00a0 Bogot\u00e1, D.C., primero (1\u00b0) de noviembre del a\u00f1o dos mil uno (2001). \u00a0 La Sala Octava de Revisi\u00f3n de la Corte Constitucional, compuesta por los Magistrados, Alvaro Tafur Galvis, Clara In\u00e9s Vargas Hern\u00e1ndez y Jaime Araujo Renter\u00eda, en ejercicio de sus competencias constitucionales y legales, ha proferido la siguiente, \u00a0 \u00a0 SENTENCIA \u00a0 dentro del proceso de revisi\u00f3n del fallo proferido por los ...<br \/><div class=\"pt-cv-rmwrap\"><a href=\"https:\/\/www.dmsjuridica.com\/buscador_20179478954\/corteconstitucionalcronologico202454587\/t-1151-01\/\" class=\"_self pt-cv-readmore btn btn-success\" target=\"_self\">Ver Sentencia Completa...<\/a><\/div><\/div><\/div><\/div>\n<div class=\"col-md-12 col-sm-12 col-xs-12 pt-cv-content-item pt-cv-1-col\" ><div class='pt-cv-ifield'><a href=\"https:\/\/www.dmsjuridica.com\/buscador_20179478954\/corteconstitucionalcronologico202454587\/t-1150-01\/\" class=\"_self pt-cv-href-thumbnail pt-cv-thumb-default\" target=\"_self\" ><\/a>\n<div class=\"pt-cv-taxoterm above_title\"><a href='https:\/\/www.dmsjuridica.com\/buscador_20179478954\/corteconstitucionalcronologico202454587\/category\/buscar-en-toda-la-corte\/2001\/tutelas-2001\/' title='Tutelas 2001' class='pt-cv-tax-tutelas-2001'>Tutelas 2001<\/a><\/div>\n<h4 class=\"pt-cv-title\"><a href=\"https:\/\/www.dmsjuridica.com\/buscador_20179478954\/corteconstitucionalcronologico202454587\/t-1150-01\/\" class=\"_self\" target=\"_self\" >T-1150-01<\/a><\/h4>\n<div class=\"pt-cv-content\">\u00a0 \u00a0 Sentencia T-1150\/01 \u00a0 MEDIO DE DEFENSA JUDICIAL-Pago de servicio de agua por tr\u00e1mite de proceso ordinario \u00a0 El actor debe demandar a la accionada, ante el juez civil, para que mediante el tr\u00e1mite previsto para los procesos ordinarios se resuelva el conflicto que tiene con la actora, relativo al pago del servicio de acueducto y alcantarillado del inmueble de su propiedad y para que, de encontrarse probada la responsabilidad de la demandada en el acaecimiento de los perjuicios que dice haber sufrido, se la conmine a asumir su responsabilidad. A su vez, si la accionada pretende que el ...<br \/><div class=\"pt-cv-rmwrap\"><a href=\"https:\/\/www.dmsjuridica.com\/buscador_20179478954\/corteconstitucionalcronologico202454587\/t-1150-01\/\" class=\"_self pt-cv-readmore btn btn-success\" target=\"_self\">Ver Sentencia Completa...<\/a><\/div><\/div><\/div><\/div>\n<div class=\"col-md-12 col-sm-12 col-xs-12 pt-cv-content-item pt-cv-1-col\" ><div class='pt-cv-ifield'><a href=\"https:\/\/www.dmsjuridica.com\/buscador_20179478954\/corteconstitucionalcronologico202454587\/t-115-01\/\" class=\"_self pt-cv-href-thumbnail pt-cv-thumb-default\" target=\"_self\" ><\/a>\n<div class=\"pt-cv-taxoterm above_title\"><a href='https:\/\/www.dmsjuridica.com\/buscador_20179478954\/corteconstitucionalcronologico202454587\/category\/buscar-en-toda-la-corte\/2001\/tutelas-2001\/' title='Tutelas 2001' class='pt-cv-tax-tutelas-2001'>Tutelas 2001<\/a><\/div>\n<h4 class=\"pt-cv-title\"><a href=\"https:\/\/www.dmsjuridica.com\/buscador_20179478954\/corteconstitucionalcronologico202454587\/t-115-01\/\" class=\"_self\" target=\"_self\" >T-115-01<\/a><\/h4>\n<div class=\"pt-cv-content\">\u00a0 \u00a0 Sentencia T-115\/01 \u00a0 ACCION DE TUTELA-Procedencia excepcional pago de acreencias laborales\/DERECHO AL MINIMO VITAL DEL PENSIONADO-Pago oportuno de mesadas \u00a0 Referencia: expediente T-381519 \u00a0 Acci\u00f3n instaurada por Fernando V\u00e9lez V\u00e1squez contra Acer\u00edas Paz del R\u00edo S.A.\u00a0 \u00a0 Magistrada Ponente: \u00a0 Dra. MARTHA VICTORIA S\u00c1CHICA M\u00c9NDEZ \u00a0 Bogot\u00e1, D.C., enero treinta y uno (31) de dos mil uno (2001) \u00a0 La Sala Tercera de Revisi\u00f3n de la Corte Constitucional, integrada por los magistrados Martha V. S\u00e1chica M\u00e9ndez, Carlos Gaviria D\u00edaz y Jos\u00e9 Gregorio Hern\u00e1ndez Galindo, en ejercicio de sus competencias constitucionales y legales, ha proferido la siguiente \u00a0 SENTENCIA ...<br \/><div class=\"pt-cv-rmwrap\"><a href=\"https:\/\/www.dmsjuridica.com\/buscador_20179478954\/corteconstitucionalcronologico202454587\/t-115-01\/\" class=\"_self pt-cv-readmore btn btn-success\" target=\"_self\">Ver Sentencia Completa...<\/a><\/div><\/div><\/div><\/div>\n<div class=\"col-md-12 col-sm-12 col-xs-12 pt-cv-content-item pt-cv-1-col\" ><div class='pt-cv-ifield'><a href=\"https:\/\/www.dmsjuridica.com\/buscador_20179478954\/corteconstitucionalcronologico202454587\/t-1142-01\/\" class=\"_self pt-cv-href-thumbnail pt-cv-thumb-default\" target=\"_self\" ><\/a>\n<div class=\"pt-cv-taxoterm above_title\"><a href='https:\/\/www.dmsjuridica.com\/buscador_20179478954\/corteconstitucionalcronologico202454587\/category\/buscar-en-toda-la-corte\/2001\/tutelas-2001\/' title='Tutelas 2001' class='pt-cv-tax-tutelas-2001'>Tutelas 2001<\/a><\/div>\n<h4 class=\"pt-cv-title\"><a href=\"https:\/\/www.dmsjuridica.com\/buscador_20179478954\/corteconstitucionalcronologico202454587\/t-1142-01\/\" class=\"_self\" target=\"_self\" >T-1142-01<\/a><\/h4>\n<div class=\"pt-cv-content\">ACCION DE TUTELA-Procedencia excepcional pago de salarios \u00a0 DERECHO AL MINIMO VITAL DEL TRABAJADOR-Presunci\u00f3n de afectaci\u00f3n por ausencia prolongada en pago de salarios \u00a0 ACCION DE TUTELA-Improcedencia pago de salarios pasados \u00a0 La tutela no es procedente cuando lo que se busca es el pago de salarios pasados, es decir, de asignaciones laborales debidas durante una \u00e9poca anterior al reinicio de la cancelaci\u00f3n de las mismas por parte del empleador. \u00a0Se revela as\u00ed, el car\u00e1cter extraordinario que tiene la tutela en estos casos, pues en esa situaci\u00f3n es el juez laboral ordinario a quien corresponde conocer del asunto (a trav\u00e9s ...<br \/><div class=\"pt-cv-rmwrap\"><a href=\"https:\/\/www.dmsjuridica.com\/buscador_20179478954\/corteconstitucionalcronologico202454587\/t-1142-01\/\" class=\"_self pt-cv-readmore btn btn-success\" target=\"_self\">Ver Sentencia Completa...<\/a><\/div><\/div><\/div><\/div>\n<div class=\"col-md-12 col-sm-12 col-xs-12 pt-cv-content-item pt-cv-1-col\" ><div class='pt-cv-ifield'><a href=\"https:\/\/www.dmsjuridica.com\/buscador_20179478954\/corteconstitucionalcronologico202454587\/t-1141-01\/\" class=\"_self pt-cv-href-thumbnail pt-cv-thumb-default\" target=\"_self\" ><\/a>\n<div class=\"pt-cv-taxoterm above_title\"><a href='https:\/\/www.dmsjuridica.com\/buscador_20179478954\/corteconstitucionalcronologico202454587\/category\/buscar-en-toda-la-corte\/2001\/tutelas-2001\/' title='Tutelas 2001' class='pt-cv-tax-tutelas-2001'>Tutelas 2001<\/a><\/div>\n<h4 class=\"pt-cv-title\"><a href=\"https:\/\/www.dmsjuridica.com\/buscador_20179478954\/corteconstitucionalcronologico202454587\/t-1141-01\/\" class=\"_self\" target=\"_self\" >T-1141-01<\/a><\/h4>\n<div class=\"pt-cv-content\">\u00a0 \u00a0 Sentencia T-1141\/01 \u00a0 DERECHO A LA SALUD DEL ENFERMO DE SIDA-Realizaci\u00f3n examen de carga viral\/DERECHO A LA SALUD DEL ENFERMO DE SIDA-Examen de carga viral fundamental para tratamiento del sida \u00a0 La jurisprudencia anterior de esta corporaci\u00f3n en donde se indicaba que el examen referido no era indispensable para el avance y \u00e9xito del tratamiento de los portadores del VIH, se abandona recientemente en la sentencia T-849 de 2001, para sostener que un paciente bajo un tratamiento no efectivo no reacciona positivamente y podr\u00eda progresar el SIDA; De no estar sometido a un tratamiento id\u00f3neo, expuso la sentencia ...<br \/><div class=\"pt-cv-rmwrap\"><a href=\"https:\/\/www.dmsjuridica.com\/buscador_20179478954\/corteconstitucionalcronologico202454587\/t-1141-01\/\" class=\"_self pt-cv-readmore btn btn-success\" target=\"_self\">Ver Sentencia Completa...<\/a><\/div><\/div><\/div><\/div>\n<div class=\"col-md-12 col-sm-12 col-xs-12 pt-cv-content-item pt-cv-1-col\" ><div class='pt-cv-ifield'><a href=\"https:\/\/www.dmsjuridica.com\/buscador_20179478954\/corteconstitucionalcronologico202454587\/t-1140-01\/\" class=\"_self pt-cv-href-thumbnail pt-cv-thumb-default\" target=\"_self\" ><\/a>\n<div class=\"pt-cv-taxoterm above_title\"><a href='https:\/\/www.dmsjuridica.com\/buscador_20179478954\/corteconstitucionalcronologico202454587\/category\/buscar-en-toda-la-corte\/2001\/tutelas-2001\/' title='Tutelas 2001' class='pt-cv-tax-tutelas-2001'>Tutelas 2001<\/a><\/div>\n<h4 class=\"pt-cv-title\"><a href=\"https:\/\/www.dmsjuridica.com\/buscador_20179478954\/corteconstitucionalcronologico202454587\/t-1140-01\/\" class=\"_self\" target=\"_self\" >T-1140-01<\/a><\/h4>\n<div class=\"pt-cv-content\">\u00a0 \u00a0 Sentencia T-1140\/01 \u00a0 DERECHOS DE LIBERTAD-Alcance \u00a0 En general los llamados \u201cderechos de libertad\u201d est\u00e1n constituidos por una serie de garant\u00edas que tiene el individuo para actuar de determinada manera, sin que el Estado o terceras personas puedan impedirle llevar a cabo sus acciones. \u00a0Sin embargo, ello no significa que esta serie de garant\u00edas ni el conjunto de conductas protegidas frente a unos y a otros sea el mismo. \u00a0Por el contrario, en principio, los derechos de libertad obligan al Estado y a los particulares a abstenerse de cometer conductas que los vulneren, pero implican el deber adicional ...<br \/><div class=\"pt-cv-rmwrap\"><a href=\"https:\/\/www.dmsjuridica.com\/buscador_20179478954\/corteconstitucionalcronologico202454587\/t-1140-01\/\" class=\"_self pt-cv-readmore btn btn-success\" target=\"_self\">Ver Sentencia Completa...<\/a><\/div><\/div><\/div><\/div>\n<div class=\"col-md-12 col-sm-12 col-xs-12 pt-cv-content-item pt-cv-1-col\" ><div class='pt-cv-ifield'><a href=\"https:\/\/www.dmsjuridica.com\/buscador_20179478954\/corteconstitucionalcronologico202454587\/t-114-01\/\" class=\"_self pt-cv-href-thumbnail pt-cv-thumb-default\" target=\"_self\" ><\/a>\n<div class=\"pt-cv-taxoterm above_title\"><a href='https:\/\/www.dmsjuridica.com\/buscador_20179478954\/corteconstitucionalcronologico202454587\/category\/buscar-en-toda-la-corte\/2001\/tutelas-2001\/' title='Tutelas 2001' class='pt-cv-tax-tutelas-2001'>Tutelas 2001<\/a><\/div>\n<h4 class=\"pt-cv-title\"><a href=\"https:\/\/www.dmsjuridica.com\/buscador_20179478954\/corteconstitucionalcronologico202454587\/t-114-01\/\" class=\"_self\" target=\"_self\" >T-114-01<\/a><\/h4>\n<div class=\"pt-cv-content\">\u00a0 \u00a0 Sentencia T-114\/01 \u00a0 ENFERMEDADES CATASTROFICAS O RUINOSAS-Intervenci\u00f3n quir\u00fargica por EPS sin cumplir periodo m\u00ednimo de cotizaci\u00f3n \u00a0 ENTIDAD PROMOTORA DE SALUD-Cirug\u00eda para implantaci\u00f3n v\u00e1lvula de hakim \u00a0 ENTIDAD PROMOTORA DE SALUD-Repetici\u00f3n contra el FOSYGA \u00a0 Referencia: expediente T-377262 \u00a0 Acci\u00f3n de tutela instaurada por Jorge Armando Mu\u00f1oz contra CAFESALUD, E.P.S. \u00a0 Magistrada Ponente (E): \u00a0 MARTHA VICTORIA S\u00c1CHICA M\u00c9NDEZ \u00a0 Bogot\u00e1 D.C., enero treinta y uno (31) de dos mil uno (2001) \u00a0 La Sala Tercera de Revisi\u00f3n de la Corte Constitucional, integrada por los magistrados Martha Victoria S\u00e1chica M\u00e9ndez, Carlos Gaviria D\u00edaz y Jos\u00e9 Gregorio Hern\u00e1ndez Galindo, ...<br \/><div class=\"pt-cv-rmwrap\"><a href=\"https:\/\/www.dmsjuridica.com\/buscador_20179478954\/corteconstitucionalcronologico202454587\/t-114-01\/\" class=\"_self pt-cv-readmore btn btn-success\" target=\"_self\">Ver Sentencia Completa...<\/a><\/div><\/div><\/div><\/div>\n<div class=\"col-md-12 col-sm-12 col-xs-12 pt-cv-content-item pt-cv-1-col\" ><div class='pt-cv-ifield'><a href=\"https:\/\/www.dmsjuridica.com\/buscador_20179478954\/corteconstitucionalcronologico202454587\/t-1139-01\/\" class=\"_self pt-cv-href-thumbnail pt-cv-thumb-default\" target=\"_self\" ><\/a>\n<div class=\"pt-cv-taxoterm above_title\"><a href='https:\/\/www.dmsjuridica.com\/buscador_20179478954\/corteconstitucionalcronologico202454587\/category\/buscar-en-toda-la-corte\/2001\/tutelas-2001\/' title='Tutelas 2001' class='pt-cv-tax-tutelas-2001'>Tutelas 2001<\/a><\/div>\n<h4 class=\"pt-cv-title\"><a href=\"https:\/\/www.dmsjuridica.com\/buscador_20179478954\/corteconstitucionalcronologico202454587\/t-1139-01\/\" class=\"_self\" target=\"_self\" >T-1139-01<\/a><\/h4>\n<div class=\"pt-cv-content\">\u00a0 \u00a0 Sentencia T-1139\/01 \u00a0 ACCION DE TUTELA TRANSITORIA-Improcedencia incremento salarial para servidores p\u00fablicos \u00a0 Por v\u00eda de tutela no es posible ordenar el pago de sumas que correspondan al incremento salarial anual al que el servidor estatal cree tener derecho, tal y como lo ha determinado la Corte Constitucional en m\u00faltiples decisiones en \u00a0sede de revisi\u00f3n de tutelas. Ahora, cuando el empleador estatal no paga el incremento salarial al servidor p\u00fablico y cuyo porcentaje ha sido dispuesto legalmente, el afectado debe acudir a la acci\u00f3n laboral ordinaria, pues la acci\u00f3n de tutela en ese caso resulta improcedente.\u00a0 \u00a0 SENTENCIA ...<br \/><div class=\"pt-cv-rmwrap\"><a href=\"https:\/\/www.dmsjuridica.com\/buscador_20179478954\/corteconstitucionalcronologico202454587\/t-1139-01\/\" class=\"_self pt-cv-readmore btn btn-success\" target=\"_self\">Ver Sentencia Completa...<\/a><\/div><\/div><\/div><\/div>\n<div class=\"col-md-12 col-sm-12 col-xs-12 pt-cv-content-item pt-cv-1-col\" ><div class='pt-cv-ifield'><a href=\"https:\/\/www.dmsjuridica.com\/buscador_20179478954\/corteconstitucionalcronologico202454587\/t-1138-01\/\" class=\"_self pt-cv-href-thumbnail pt-cv-thumb-default\" target=\"_self\" ><\/a>\n<div class=\"pt-cv-taxoterm above_title\"><a href='https:\/\/www.dmsjuridica.com\/buscador_20179478954\/corteconstitucionalcronologico202454587\/category\/buscar-en-toda-la-corte\/2001\/tutelas-2001\/' title='Tutelas 2001' class='pt-cv-tax-tutelas-2001'>Tutelas 2001<\/a><\/div>\n<h4 class=\"pt-cv-title\"><a href=\"https:\/\/www.dmsjuridica.com\/buscador_20179478954\/corteconstitucionalcronologico202454587\/t-1138-01\/\" class=\"_self\" target=\"_self\" >T-1138-01<\/a><\/h4>\n<div class=\"pt-cv-content\">\u00a0 \u00a0 Sentencia T-1138\/01 \u00a0 ENTIDAD PROMOTORA DE SALUD-Deber de suministrar tratamiento y medicamentos a enfermos de sida\/ENTIDAD PROMOTORA DE SALUD-Repetici\u00f3n contra el FOSYGA \u00a0 DERECHO A LA SALUD DEL ENFERMO DE SIDA-Realizaci\u00f3n examen de carga viral\/DERECHO A LA SALUD DEL ENFERMO DE SIDA-Examen de carga viral fundamental para tratamiento del sida\/DERECHO A LA SALUD-Conexidad con la vida \u00a0 Referencia: expediente T-475579. Acci\u00f3n de Tutela presentada por \u00a0Jairo Le\u00f3n Ort\u00edz contra Susalud EPS \u00a0 Magistrada ponente: \u00a0 Dra. CLARA INES VARGAS HERN\u00c1NDEZ \u00a0 Bogot\u00e1, D. C., veinticinco (25) de octubre de dos mil uno (2001). \u00a0 La Sala Novena de ...<br \/><div class=\"pt-cv-rmwrap\"><a href=\"https:\/\/www.dmsjuridica.com\/buscador_20179478954\/corteconstitucionalcronologico202454587\/t-1138-01\/\" class=\"_self pt-cv-readmore btn btn-success\" target=\"_self\">Ver Sentencia Completa...<\/a><\/div><\/div><\/div><\/div>\n<div class=\"col-md-12 col-sm-12 col-xs-12 pt-cv-content-item pt-cv-1-col\" ><div class='pt-cv-ifield'><a href=\"https:\/\/www.dmsjuridica.com\/buscador_20179478954\/corteconstitucionalcronologico202454587\/t-1137-01\/\" class=\"_self pt-cv-href-thumbnail pt-cv-thumb-default\" target=\"_self\" ><\/a>\n<div class=\"pt-cv-taxoterm above_title\"><a href='https:\/\/www.dmsjuridica.com\/buscador_20179478954\/corteconstitucionalcronologico202454587\/category\/buscar-en-toda-la-corte\/2001\/tutelas-2001\/' title='Tutelas 2001' class='pt-cv-tax-tutelas-2001'>Tutelas 2001<\/a><\/div>\n<h4 class=\"pt-cv-title\"><a href=\"https:\/\/www.dmsjuridica.com\/buscador_20179478954\/corteconstitucionalcronologico202454587\/t-1137-01\/\" class=\"_self\" target=\"_self\" >T-1137-01<\/a><\/h4>\n<div class=\"pt-cv-content\">\u00a0 \u00a0 Sentencia T-1137\/01 \u00a0 JOVEN DISCAPACITADO-P\u00e9rdida de condici\u00f3n de menor de edad\/JOVEN DISCAPACITADO-S\u00edndrome de Dawn \u00a0 La p\u00e9rdida de la condici\u00f3n de menor de edad no exime al Estado de continuar brindando la protecci\u00f3n que de todo orden merecen las personas que por presentar deficiencias f\u00edsicas o mentales se encuentren en circunstancias de debilidad manifiesta, y, precisamente por esa raz\u00f3n, la Constituci\u00f3n Pol\u00edtica consagra que los servicios p\u00fablicos son inherentes a la finalidad social del Estado, y estable que el bienestar general y el mejoramiento de la calidad de vida de la poblaci\u00f3n son igualmente finalidades sociales del Estado, ...<br \/><div class=\"pt-cv-rmwrap\"><a href=\"https:\/\/www.dmsjuridica.com\/buscador_20179478954\/corteconstitucionalcronologico202454587\/t-1137-01\/\" class=\"_self pt-cv-readmore btn btn-success\" target=\"_self\">Ver Sentencia Completa...<\/a><\/div><\/div><\/div><\/div>\n<div class=\"col-md-12 col-sm-12 col-xs-12 pt-cv-content-item pt-cv-1-col\" ><div class='pt-cv-ifield'><a href=\"https:\/\/www.dmsjuridica.com\/buscador_20179478954\/corteconstitucionalcronologico202454587\/t-1136-01\/\" class=\"_self pt-cv-href-thumbnail pt-cv-thumb-default\" target=\"_self\" ><\/a>\n<div class=\"pt-cv-taxoterm above_title\"><a href='https:\/\/www.dmsjuridica.com\/buscador_20179478954\/corteconstitucionalcronologico202454587\/category\/buscar-en-toda-la-corte\/2001\/tutelas-2001\/' title='Tutelas 2001' class='pt-cv-tax-tutelas-2001'>Tutelas 2001<\/a><\/div>\n<h4 class=\"pt-cv-title\"><a href=\"https:\/\/www.dmsjuridica.com\/buscador_20179478954\/corteconstitucionalcronologico202454587\/t-1136-01\/\" class=\"_self\" target=\"_self\" >T-1136-01<\/a><\/h4>\n<div class=\"pt-cv-content\">\u00a0 \u00a0 Sentencia T-1136\/01 \u00a0 CEDULA DE CIUDADANIA-Finalidad \u00a0 CIUDADANIA-Presupuesto esencial para ejercicio de derechos pol\u00edticos \u00a0 CEDULA DE CIUDADANIA-Contrase\u00f1a no sirve de excusa para no expedir prontamente el documento \u00a0 REGISTRADURIA NACIONAL DEL ESTADO CIVIL-Exhortaci\u00f3n para que implemente una pol\u00edtica que permita oportuna prestaci\u00f3n del servicio p\u00fablico de cedulaci\u00f3n \u00a0 DERECHOS CIVILES Y POLITICOS-Vulneraci\u00f3n por no expedici\u00f3n de c\u00e9dula de ciudadan\u00eda \u00a0 DERECHO A ELEGIR Y SER ELEGIDO-Vulneraci\u00f3n por no expedici\u00f3n de c\u00e9dula de ciudadan\u00eda \u00a0 Referencia: expedientes Acumulados T-475337, T-475874, T-475909, T-475984, T-476067, T-476098, T-476152, T-476211, T-476337, T-476368, T-476489 y T-476490. \u00a0 Acciones de tutela promovidas individualmente por ...<br \/><div class=\"pt-cv-rmwrap\"><a href=\"https:\/\/www.dmsjuridica.com\/buscador_20179478954\/corteconstitucionalcronologico202454587\/t-1136-01\/\" class=\"_self pt-cv-readmore btn btn-success\" target=\"_self\">Ver Sentencia Completa...<\/a><\/div><\/div><\/div><\/div>\n<div class=\"col-md-12 col-sm-12 col-xs-12 pt-cv-content-item pt-cv-1-col\" ><div class='pt-cv-ifield'><a href=\"https:\/\/www.dmsjuridica.com\/buscador_20179478954\/corteconstitucionalcronologico202454587\/t-1135-01\/\" class=\"_self pt-cv-href-thumbnail pt-cv-thumb-default\" target=\"_self\" ><\/a>\n<div class=\"pt-cv-taxoterm above_title\"><a href='https:\/\/www.dmsjuridica.com\/buscador_20179478954\/corteconstitucionalcronologico202454587\/category\/buscar-en-toda-la-corte\/2001\/tutelas-2001\/' title='Tutelas 2001' class='pt-cv-tax-tutelas-2001'>Tutelas 2001<\/a><\/div>\n<h4 class=\"pt-cv-title\"><a href=\"https:\/\/www.dmsjuridica.com\/buscador_20179478954\/corteconstitucionalcronologico202454587\/t-1135-01\/\" class=\"_self\" target=\"_self\" >T-1135-01<\/a><\/h4>\n<div class=\"pt-cv-content\">\u00a0 \u00a0 Sentencia T-1135\/01 \u00a0 AGENCIA OFICIOSA EN TUTELA \u00a0 LEGITIMACION POR PASIVA EN TUTELA-Falta por cuanto entidad no viol\u00f3 derecho fundamental \u00a0 Era indispensable, de oficio, escuchar a la accionante para establecer cu\u00e1l era la raz\u00f3n por la que dirigi\u00f3 la solicitud de amparo contra la Secretar\u00eda Distrital de Salud, y con mayor raz\u00f3n cuando el representante de la entidad respondi\u00f3 que no era la destinataria de la petici\u00f3n de amparo, para aclarar si el hecho generador de la presunta violaci\u00f3n de los derechos fundamentales invocados era en realidad una supuesta demora del ente accionado en autorizar el procedimiento ...<br \/><div class=\"pt-cv-rmwrap\"><a href=\"https:\/\/www.dmsjuridica.com\/buscador_20179478954\/corteconstitucionalcronologico202454587\/t-1135-01\/\" class=\"_self pt-cv-readmore btn btn-success\" target=\"_self\">Ver Sentencia Completa...<\/a><\/div><\/div><\/div><\/div>\n<div class=\"col-md-12 col-sm-12 col-xs-12 pt-cv-content-item pt-cv-1-col\" ><div class='pt-cv-ifield'><a href=\"https:\/\/www.dmsjuridica.com\/buscador_20179478954\/corteconstitucionalcronologico202454587\/t-1134-01\/\" class=\"_self pt-cv-href-thumbnail pt-cv-thumb-default\" target=\"_self\" ><\/a>\n<div class=\"pt-cv-taxoterm above_title\"><a href='https:\/\/www.dmsjuridica.com\/buscador_20179478954\/corteconstitucionalcronologico202454587\/category\/buscar-en-toda-la-corte\/2001\/tutelas-2001\/' title='Tutelas 2001' class='pt-cv-tax-tutelas-2001'>Tutelas 2001<\/a><\/div>\n<h4 class=\"pt-cv-title\"><a href=\"https:\/\/www.dmsjuridica.com\/buscador_20179478954\/corteconstitucionalcronologico202454587\/t-1134-01\/\" class=\"_self\" target=\"_self\" >T-1134-01<\/a><\/h4>\n<div class=\"pt-cv-content\">\u00a0 \u00a0 Sentencia T-1134\/01 \u00a0 DERECHO A LA SALUD DE MENOR DE EDAD-Cirug\u00eda oftalmol\u00f3gica\/DERECHO A LA SALUD DE MENOR DE EDAD-Amenaza por mora patronal en aportes a seguridad social \u00a0 En este caso est\u00e1n de por medio los derechos a la salud y la vida de una ni\u00f1a de tres a\u00f1os, que requiere una intervenci\u00f3n oftalmol\u00f3gica, lo que supone que requiere de atenci\u00f3n m\u00e9dica inmediata, am\u00e9n de que los derechos de los ni\u00f1os tienen prevalencia sobre los de los dem\u00e1s, seg\u00fan mandato constitucional. Existe constancia en el expediente de que la ni\u00f1a presenta evidente disfunci\u00f3n del \u00f3rgano de la visi\u00f3n, ...<br \/><div class=\"pt-cv-rmwrap\"><a href=\"https:\/\/www.dmsjuridica.com\/buscador_20179478954\/corteconstitucionalcronologico202454587\/t-1134-01\/\" class=\"_self pt-cv-readmore btn btn-success\" target=\"_self\">Ver Sentencia Completa...<\/a><\/div><\/div><\/div><\/div>\n<div class=\"col-md-12 col-sm-12 col-xs-12 pt-cv-content-item pt-cv-1-col\" ><div class='pt-cv-ifield'><a href=\"https:\/\/www.dmsjuridica.com\/buscador_20179478954\/corteconstitucionalcronologico202454587\/t-1133-01\/\" class=\"_self pt-cv-href-thumbnail pt-cv-thumb-default\" target=\"_self\" ><\/a>\n<div class=\"pt-cv-taxoterm above_title\"><a href='https:\/\/www.dmsjuridica.com\/buscador_20179478954\/corteconstitucionalcronologico202454587\/category\/buscar-en-toda-la-corte\/2001\/tutelas-2001\/' title='Tutelas 2001' class='pt-cv-tax-tutelas-2001'>Tutelas 2001<\/a><\/div>\n<h4 class=\"pt-cv-title\"><a href=\"https:\/\/www.dmsjuridica.com\/buscador_20179478954\/corteconstitucionalcronologico202454587\/t-1133-01\/\" class=\"_self\" target=\"_self\" >T-1133-01<\/a><\/h4>\n<div class=\"pt-cv-content\">\u00a0 \u00a0 Sentencia T-1133\/01 \u00a0 ACCION DE TUTELA-Hecho superado \u00a0 Reiteraci\u00f3n de jurisprudencia \u00a0 Referencia: expediente T-506247 \u00a0 Acci\u00f3n de tutela instaurada por Celia Carmen Castro de Vega contra la E.P.S. Seguro Social- Seccional Atl\u00e1ntico. \u00a0 Magistrado ponente: \u00a0 Dr. EDUARDO MONTEALEGRE LYNETT \u00a0 Bogot\u00e1 D.C., veinticinco (25) de octubre dos mil uno (2001). \u00a0 La Sala S\u00e9ptima de Revisi\u00f3n de la Corte Constitucional, en ejercicio de sus competencias constitucionales y legales, espec\u00edficamente las previstas en los art\u00edculos 86 y 241, numeral 9, de la Constituci\u00f3n Pol\u00edtica y en el decreto 2591 de 1991, ha proferido la siguiente \u00a0 SENTENCIA ...<br \/><div class=\"pt-cv-rmwrap\"><a href=\"https:\/\/www.dmsjuridica.com\/buscador_20179478954\/corteconstitucionalcronologico202454587\/t-1133-01\/\" class=\"_self pt-cv-readmore btn btn-success\" target=\"_self\">Ver Sentencia Completa...<\/a><\/div><\/div><\/div><\/div>\n<div class=\"col-md-12 col-sm-12 col-xs-12 pt-cv-content-item pt-cv-1-col\" ><div class='pt-cv-ifield'><a href=\"https:\/\/www.dmsjuridica.com\/buscador_20179478954\/corteconstitucionalcronologico202454587\/t-1132-01\/\" class=\"_self pt-cv-href-thumbnail pt-cv-thumb-default\" target=\"_self\" ><\/a>\n<div class=\"pt-cv-taxoterm above_title\"><a href='https:\/\/www.dmsjuridica.com\/buscador_20179478954\/corteconstitucionalcronologico202454587\/category\/buscar-en-toda-la-corte\/2001\/tutelas-2001\/' title='Tutelas 2001' class='pt-cv-tax-tutelas-2001'>Tutelas 2001<\/a><\/div>\n<h4 class=\"pt-cv-title\"><a href=\"https:\/\/www.dmsjuridica.com\/buscador_20179478954\/corteconstitucionalcronologico202454587\/t-1132-01\/\" class=\"_self\" target=\"_self\" >T-1132-01<\/a><\/h4>\n<div class=\"pt-cv-content\">\u00a0 \u00a0 Sentencia T-1132\/01 \u00a0 ACCION DE TUTELA-Hecho superado\/DERECHO A LA SALUD DEL ENFERMO DE SIDA-Prestaci\u00f3n oportuna de atenci\u00f3n\u00a0 \u00a0 PAGOS COMPARTIDOS Y CUOTAS MODERADORAS EN SALUD-Excepciones \u00a0 En casos como el presente, cuando las personas no tienen el dinero suficiente para cubrir las cuotas moderadoras, copagos, o no han completado las semanas m\u00ednimas de cotizaci\u00f3n prescritas en la legislaci\u00f3n para acceder a ciertos tratamientos, y \u00e9stos se requieren con urgencia por que de lo contrario se ver\u00edan afectos derechos como la vida y la salud en conexidad, la Corte ha dado prevalencia a los derechos fundamentales sobre cualquier otra ...<br \/><div class=\"pt-cv-rmwrap\"><a href=\"https:\/\/www.dmsjuridica.com\/buscador_20179478954\/corteconstitucionalcronologico202454587\/t-1132-01\/\" class=\"_self pt-cv-readmore btn btn-success\" target=\"_self\">Ver Sentencia Completa...<\/a><\/div><\/div><\/div><\/div>\n<div class=\"col-md-12 col-sm-12 col-xs-12 pt-cv-content-item pt-cv-1-col\" ><div class='pt-cv-ifield'><a href=\"https:\/\/www.dmsjuridica.com\/buscador_20179478954\/corteconstitucionalcronologico202454587\/t-1131-01\/\" class=\"_self pt-cv-href-thumbnail pt-cv-thumb-default\" target=\"_self\" ><\/a>\n<div class=\"pt-cv-taxoterm above_title\"><a href='https:\/\/www.dmsjuridica.com\/buscador_20179478954\/corteconstitucionalcronologico202454587\/category\/buscar-en-toda-la-corte\/2001\/tutelas-2001\/' title='Tutelas 2001' class='pt-cv-tax-tutelas-2001'>Tutelas 2001<\/a><\/div>\n<h4 class=\"pt-cv-title\"><a href=\"https:\/\/www.dmsjuridica.com\/buscador_20179478954\/corteconstitucionalcronologico202454587\/t-1131-01\/\" class=\"_self\" target=\"_self\" >T-1131-01<\/a><\/h4>\n<div class=\"pt-cv-content\">\u00a0 \u00a0 Sentencia T-1131\/01\u00a0 \u00a0 REVOCATORIA DE NOMBRAMIENTOS DE DOCENTES-Se omiti\u00f3 cumplir con requisito de consentimiento\/ACCION DE LESIVIDAD-Procedencia \u00a0 No pod\u00eda el Alcalde encargado calificar directamente la ilegalidad que \u00e9l dice que existi\u00f3 en los nombramientos en propiedad que la Alcald\u00eda \u00a0hizo. Este proceder se aparta de la exigencia se\u00f1alada en el art\u00edculo 73 del C\u00f3digo Contencioso Administrativo: \u201cCuando un acto administrativo haya creado o modificado una situaci\u00f3n jur\u00eddica de car\u00e1cter particular y concreto o reconocido un derecho de igual categor\u00eda, no podr\u00e1 ser revocado sin el consentimiento expreso y escrito del respectivo titular\u201d. Como en el presente caso se ...<br \/><div class=\"pt-cv-rmwrap\"><a href=\"https:\/\/www.dmsjuridica.com\/buscador_20179478954\/corteconstitucionalcronologico202454587\/t-1131-01\/\" class=\"_self pt-cv-readmore btn btn-success\" target=\"_self\">Ver Sentencia Completa...<\/a><\/div><\/div><\/div><\/div>\n<div class=\"col-md-12 col-sm-12 col-xs-12 pt-cv-content-item pt-cv-1-col\" ><div class='pt-cv-ifield'><a href=\"https:\/\/www.dmsjuridica.com\/buscador_20179478954\/corteconstitucionalcronologico202454587\/t-1130-01\/\" class=\"_self pt-cv-href-thumbnail pt-cv-thumb-default\" target=\"_self\" ><\/a>\n<div class=\"pt-cv-taxoterm above_title\"><a href='https:\/\/www.dmsjuridica.com\/buscador_20179478954\/corteconstitucionalcronologico202454587\/category\/buscar-en-toda-la-corte\/2001\/tutelas-2001\/' title='Tutelas 2001' class='pt-cv-tax-tutelas-2001'>Tutelas 2001<\/a><\/div>\n<h4 class=\"pt-cv-title\"><a href=\"https:\/\/www.dmsjuridica.com\/buscador_20179478954\/corteconstitucionalcronologico202454587\/t-1130-01\/\" class=\"_self\" target=\"_self\" >T-1130-01<\/a><\/h4>\n<div class=\"pt-cv-content\">\u00a0 \u00a0 Sentencia T-1130\/01\u00a0 \u00a0 ACCION DE TUTELA-Procedencia excepcional pago de mesadas pensionales\/DERECHO AL MINIMO VITAL DEL PENSIONADO-Presunci\u00f3n de afectaci\u00f3n por ausencia prolongada en pago de mesadas \u00a0 CONSEJO DE ESTADO-Suspensi\u00f3n de resoluci\u00f3n que reconoce pensi\u00f3n de jubilaci\u00f3n\/JURISDICCION CONTENCIOSO ADMINISTRATIVA-Sin sentencia definitiva no puede exigirse pago de mesada pensional \u00a0 Como es obvio la protecci\u00f3n no se puede dar si la Resoluci\u00f3n que reconoci\u00f3 la pensi\u00f3n ha sido suspendida provisionalmente por el Consejo de Estado. Ejecutoriada la decisi\u00f3n judicial de suspensi\u00f3n, la obligaci\u00f3n de pagar la mesada, que proven\u00eda de un acto administrativo de car\u00e1cter departamental, hoy \u00a0no solamente es ...<br \/><div class=\"pt-cv-rmwrap\"><a href=\"https:\/\/www.dmsjuridica.com\/buscador_20179478954\/corteconstitucionalcronologico202454587\/t-1130-01\/\" class=\"_self pt-cv-readmore btn btn-success\" target=\"_self\">Ver Sentencia Completa...<\/a><\/div><\/div><\/div><\/div>\n<div class=\"col-md-12 col-sm-12 col-xs-12 pt-cv-content-item pt-cv-1-col\" ><div class='pt-cv-ifield'><a href=\"https:\/\/www.dmsjuridica.com\/buscador_20179478954\/corteconstitucionalcronologico202454587\/t-113-01\/\" class=\"_self pt-cv-href-thumbnail pt-cv-thumb-default\" target=\"_self\" ><\/a>\n<div class=\"pt-cv-taxoterm above_title\"><a href='https:\/\/www.dmsjuridica.com\/buscador_20179478954\/corteconstitucionalcronologico202454587\/category\/buscar-en-toda-la-corte\/2001\/tutelas-2001\/' title='Tutelas 2001' class='pt-cv-tax-tutelas-2001'>Tutelas 2001<\/a><\/div>\n<h4 class=\"pt-cv-title\"><a href=\"https:\/\/www.dmsjuridica.com\/buscador_20179478954\/corteconstitucionalcronologico202454587\/t-113-01\/\" class=\"_self\" target=\"_self\" >T-113-01<\/a><\/h4>\n<div class=\"pt-cv-content\">\u00a0 \u00a0 Sentencia T-113\/01 \u00a0 DERECHO A LA TRANQUILIDAD-Conservaci\u00f3n del orden p\u00fablico como elemento esencial \u00a0 El desconocimiento de normas de orden p\u00fablico, como son el conjunto de regulaciones urban\u00edsticas, puede poner en riesgo las condiciones m\u00ednimas de seguridad, tranquilidad, salubridad y moralidad que deben existir para \u00a0garantizar el normal desarrollo de la sociedad y el ejercicio efectivo de los derechos. Particularmente, la tranquilidad, como elemento esencial del orden p\u00fablico implica el mantenimiento de unas condiciones que permitan la habitual convivencia y el desarrollo personal de los miembros de la comunidad. Si bien es cierto que por el hecho de ...<br \/><div class=\"pt-cv-rmwrap\"><a href=\"https:\/\/www.dmsjuridica.com\/buscador_20179478954\/corteconstitucionalcronologico202454587\/t-113-01\/\" class=\"_self pt-cv-readmore btn btn-success\" target=\"_self\">Ver Sentencia Completa...<\/a><\/div><\/div><\/div><\/div>\n<div class=\"col-md-12 col-sm-12 col-xs-12 pt-cv-content-item pt-cv-1-col\" ><div class='pt-cv-ifield'><a href=\"https:\/\/www.dmsjuridica.com\/buscador_20179478954\/corteconstitucionalcronologico202454587\/t-1129-01\/\" class=\"_self pt-cv-href-thumbnail pt-cv-thumb-default\" target=\"_self\" ><\/a>\n<div class=\"pt-cv-taxoterm above_title\"><a href='https:\/\/www.dmsjuridica.com\/buscador_20179478954\/corteconstitucionalcronologico202454587\/category\/buscar-en-toda-la-corte\/2001\/tutelas-2001\/' title='Tutelas 2001' class='pt-cv-tax-tutelas-2001'>Tutelas 2001<\/a><\/div>\n<h4 class=\"pt-cv-title\"><a href=\"https:\/\/www.dmsjuridica.com\/buscador_20179478954\/corteconstitucionalcronologico202454587\/t-1129-01\/\" class=\"_self\" target=\"_self\" >T-1129-01<\/a><\/h4>\n<div class=\"pt-cv-content\">\u00a0 \u00a0 Sentencia T-1129\/01 \u00a0 ENTIDAD PROMOTORA DE SALUD-Funci\u00f3n\u00a0 \u00a0 La E.P.S. tiene una funci\u00f3n de puente entre la poblaci\u00f3n y el sistema de seguridad social, garantizando la afiliaci\u00f3n y cobertura del servicio en un primer momento y luego estableciendo los mecanismos necesarios para la atenci\u00f3n \u201cintegral, eficiente, oportuna y de calidad\u201d con las I.P.S. \u00a0 INSTITUCION PRESTADORA DE SALUD-Funci\u00f3n \u00a0 Estas instituciones pueden ser oficiales, mixtas, privadas, comunitarias y solidarias. Se encargan b\u00e1sicamente de la prestaci\u00f3n de los servicios de salud de los afiliados al sistema de seguridad social, bien sea por contrato con entidades promotoras de salud o ...<br \/><div class=\"pt-cv-rmwrap\"><a href=\"https:\/\/www.dmsjuridica.com\/buscador_20179478954\/corteconstitucionalcronologico202454587\/t-1129-01\/\" class=\"_self pt-cv-readmore btn btn-success\" target=\"_self\">Ver Sentencia Completa...<\/a><\/div><\/div><\/div><\/div>\n<div class=\"col-md-12 col-sm-12 col-xs-12 pt-cv-content-item pt-cv-1-col\" ><div class='pt-cv-ifield'><a href=\"https:\/\/www.dmsjuridica.com\/buscador_20179478954\/corteconstitucionalcronologico202454587\/t-1128-01\/\" class=\"_self pt-cv-href-thumbnail pt-cv-thumb-default\" target=\"_self\" ><\/a>\n<div class=\"pt-cv-taxoterm above_title\"><a href='https:\/\/www.dmsjuridica.com\/buscador_20179478954\/corteconstitucionalcronologico202454587\/category\/buscar-en-toda-la-corte\/2001\/tutelas-2001\/' title='Tutelas 2001' class='pt-cv-tax-tutelas-2001'>Tutelas 2001<\/a><\/div>\n<h4 class=\"pt-cv-title\"><a href=\"https:\/\/www.dmsjuridica.com\/buscador_20179478954\/corteconstitucionalcronologico202454587\/t-1128-01\/\" class=\"_self\" target=\"_self\" >T-1128-01<\/a><\/h4>\n<div class=\"pt-cv-content\">\u00a0 \u00a0 Sentencia T-1128\/01 \u00a0 ACCION DE TUTELA CONTRA PARTICULARES-Procedencia excepcional \u00a0 DERECHO DE PETICION-Procedencia frente a particulares \u00a0 A pesar de que el derecho de petici\u00f3n ante particulares no se encuentra reglamentado, por tener un rango fundamental su protecci\u00f3n debe operar de manera directa e inmediata, esto es, sin mediaci\u00f3n de la ley. \u00a0 ACCION DE TUTELA-Improcedencia para ordenar incremento salarial \u00a0 \u00a0 \u00a0 \u00a0 Referencia: expediente T-476451 \u00a0 Acci\u00f3n de tutela interpuesta por Ana Yolanda Galindo D\u00edaz contra la rectora del Colegio Nuestra Se\u00f1ora de la Sabidur\u00eda, Hermana Teresa Libia G\u00f3mez Mesa.\u00a0 \u00a0 Dr. JAIME ARAUJO RENTER\u00cdA \u00a0 ...<br \/><div class=\"pt-cv-rmwrap\"><a href=\"https:\/\/www.dmsjuridica.com\/buscador_20179478954\/corteconstitucionalcronologico202454587\/t-1128-01\/\" class=\"_self pt-cv-readmore btn btn-success\" target=\"_self\">Ver Sentencia Completa...<\/a><\/div><\/div><\/div><\/div>\n<div class=\"col-md-12 col-sm-12 col-xs-12 pt-cv-content-item pt-cv-1-col\" ><div class='pt-cv-ifield'><a href=\"https:\/\/www.dmsjuridica.com\/buscador_20179478954\/corteconstitucionalcronologico202454587\/t-1127-01\/\" class=\"_self pt-cv-href-thumbnail pt-cv-thumb-default\" target=\"_self\" ><\/a>\n<div class=\"pt-cv-taxoterm above_title\"><a href='https:\/\/www.dmsjuridica.com\/buscador_20179478954\/corteconstitucionalcronologico202454587\/category\/buscar-en-toda-la-corte\/2001\/tutelas-2001\/' title='Tutelas 2001' class='pt-cv-tax-tutelas-2001'>Tutelas 2001<\/a><\/div>\n<h4 class=\"pt-cv-title\"><a href=\"https:\/\/www.dmsjuridica.com\/buscador_20179478954\/corteconstitucionalcronologico202454587\/t-1127-01\/\" class=\"_self\" target=\"_self\" >T-1127-01<\/a><\/h4>\n<div class=\"pt-cv-content\">\u00a0 \u00a0 Sentencia T-1127\/01 \u00a0 JURISDICCION INDIGENA-Durante proceso debe permitirse comunicaci\u00f3n entre madre e hijo \u00a0 La Sala estima que una soluci\u00f3n equitativa para el caso de autos debe conducir a que bajo el respeto y acatamiento que merece el proceso de armonizaci\u00f3n del joven, \u00e9l y su mam\u00e1 puedan encontrarse personalmente, con la regularidad que convenga a la seguridad de los dos, en el sitio, hora y bajo las condiciones naturales que las normas comunitarias aconsejen. Sin perjuicio de las dem\u00e1s formas de comunicaci\u00f3n, que como la escrita, puedan utilizar la madre y el hijo durante el per\u00edodo de ...<br \/><div class=\"pt-cv-rmwrap\"><a href=\"https:\/\/www.dmsjuridica.com\/buscador_20179478954\/corteconstitucionalcronologico202454587\/t-1127-01\/\" class=\"_self pt-cv-readmore btn btn-success\" target=\"_self\">Ver Sentencia Completa...<\/a><\/div><\/div><\/div><\/div>\n<div class=\"col-md-12 col-sm-12 col-xs-12 pt-cv-content-item pt-cv-1-col\" ><div class='pt-cv-ifield'><a href=\"https:\/\/www.dmsjuridica.com\/buscador_20179478954\/corteconstitucionalcronologico202454587\/t-1126-01\/\" class=\"_self pt-cv-href-thumbnail pt-cv-thumb-default\" target=\"_self\" ><\/a>\n<div class=\"pt-cv-taxoterm above_title\"><a href='https:\/\/www.dmsjuridica.com\/buscador_20179478954\/corteconstitucionalcronologico202454587\/category\/buscar-en-toda-la-corte\/2001\/tutelas-2001\/' title='Tutelas 2001' class='pt-cv-tax-tutelas-2001'>Tutelas 2001<\/a><\/div>\n<h4 class=\"pt-cv-title\"><a href=\"https:\/\/www.dmsjuridica.com\/buscador_20179478954\/corteconstitucionalcronologico202454587\/t-1126-01\/\" class=\"_self\" target=\"_self\" >T-1126-01<\/a><\/h4>\n<div class=\"pt-cv-content\">\u00a0 \u00a0 Sentencia T-1126\/01 \u00a0 DERECHO A LA SALUD DEL ENFERMO DE SIDA-Suministro de medicamentos \u00a0 SISBEN-Nueva encuesta para reclasificaci\u00f3n \u00a0 No es ya procedente insistir en la elaboraci\u00f3n de una nueva encuesta Sisben a fin de proteger el derecho a la igualdad del accionante, pero s\u00ed enfatizar en que en el evento de que la nueva encuesta no beneficie al accionante dentro del r\u00e9gimen subsidiado de salud, la atenci\u00f3n en salud deber\u00e1 seguir prest\u00e1ndose \u00edntegramente por el Hospital accionado, sin necesidad del cobro de las cuotas moderadoras, dada la situaci\u00f3n econ\u00f3mica que vive el accionante. \u00a0 Reiteraci\u00f3n de Jurisprudencia ...<br \/><div class=\"pt-cv-rmwrap\"><a href=\"https:\/\/www.dmsjuridica.com\/buscador_20179478954\/corteconstitucionalcronologico202454587\/t-1126-01\/\" class=\"_self pt-cv-readmore btn btn-success\" target=\"_self\">Ver Sentencia Completa...<\/a><\/div><\/div><\/div><\/div>\n<div class=\"col-md-12 col-sm-12 col-xs-12 pt-cv-content-item pt-cv-1-col\" ><div class='pt-cv-ifield'><a href=\"https:\/\/www.dmsjuridica.com\/buscador_20179478954\/corteconstitucionalcronologico202454587\/t-1125-01\/\" class=\"_self pt-cv-href-thumbnail pt-cv-thumb-default\" target=\"_self\" ><\/a>\n<div class=\"pt-cv-taxoterm above_title\"><a href='https:\/\/www.dmsjuridica.com\/buscador_20179478954\/corteconstitucionalcronologico202454587\/category\/buscar-en-toda-la-corte\/2001\/tutelas-2001\/' title='Tutelas 2001' class='pt-cv-tax-tutelas-2001'>Tutelas 2001<\/a><\/div>\n<h4 class=\"pt-cv-title\"><a href=\"https:\/\/www.dmsjuridica.com\/buscador_20179478954\/corteconstitucionalcronologico202454587\/t-1125-01\/\" class=\"_self\" target=\"_self\" >T-1125-01<\/a><\/h4>\n<div class=\"pt-cv-content\">\u00a0 \u00a0 Sentencia T-1125\/01 \u00a0 ACCION DE TUTELA-Hecho superado \u00a0 Reiteraci\u00f3n de Jurisprudencia \u00a0 Referencia: expediente T-256036\u00a0 \u00a0 Acci\u00f3n de tutela incoada por Mar\u00eda Socorro S\u00e1nchez Archila contra Fiduciaria La Previsora S.A. \u00a0 Magistrado Ponente: \u00a0 Dr. ALVARO TAFUR GALVIS \u00a0 Bogot\u00e1 D.C., a los veinticinco (25) d\u00edas del mes de octubre de dos mil uno (2001). \u00a0 La Sala Octava de Revisi\u00f3n de Tutelas de la Corte Constitucional, integrada por los Magistrados CLARA IN\u00c9S VARGAS HERN\u00c1NDEZ, JAIME ARAUJO RENTER\u00cdA Y \u00c1LVARO TAFUR GALVIS, en ejercicio de sus competencias constitucionales y legales, ha proferido la siguiente, \u00a0 SENTENCIA \u00a0 dentro ...<br \/><div class=\"pt-cv-rmwrap\"><a href=\"https:\/\/www.dmsjuridica.com\/buscador_20179478954\/corteconstitucionalcronologico202454587\/t-1125-01\/\" class=\"_self pt-cv-readmore btn btn-success\" target=\"_self\">Ver Sentencia Completa...<\/a><\/div><\/div><\/div><\/div>\n<div class=\"col-md-12 col-sm-12 col-xs-12 pt-cv-content-item pt-cv-1-col\" ><div class='pt-cv-ifield'><a href=\"https:\/\/www.dmsjuridica.com\/buscador_20179478954\/corteconstitucionalcronologico202454587\/t-1124-01\/\" class=\"_self pt-cv-href-thumbnail pt-cv-thumb-default\" target=\"_self\" ><\/a>\n<div class=\"pt-cv-taxoterm above_title\"><a href='https:\/\/www.dmsjuridica.com\/buscador_20179478954\/corteconstitucionalcronologico202454587\/category\/buscar-en-toda-la-corte\/2001\/tutelas-2001\/' title='Tutelas 2001' class='pt-cv-tax-tutelas-2001'>Tutelas 2001<\/a><\/div>\n<h4 class=\"pt-cv-title\"><a href=\"https:\/\/www.dmsjuridica.com\/buscador_20179478954\/corteconstitucionalcronologico202454587\/t-1124-01\/\" class=\"_self\" target=\"_self\" >T-1124-01<\/a><\/h4>\n<div class=\"pt-cv-content\">\u00a0 \u00a0 Sentencia T-1124\/01 \u00a0 DERECHO DE PETICION-Requisitos de procedibilidad \u00a0 La violaci\u00f3n de ese derecho puede dar lugar a la iniciaci\u00f3n de una acci\u00f3n de tutela para cuya prosperidad se exigen dos extremos f\u00e1cticos que han de cumplirse con rigor. Primero la existencia con fecha cierta de una solicitud dirigida a una autoridad, y segundo el transcurso del tiempo se\u00f1alado en la ley sin que se haya dado una respuesta oportuna al solicitante. As\u00ed las cosas, para la prosperidad de la acci\u00f3n de tutela por violaci\u00f3n del derecho de petici\u00f3n, el accionante debe acreditar dentro del proceso que elev\u00f3 ...<br \/><div class=\"pt-cv-rmwrap\"><a href=\"https:\/\/www.dmsjuridica.com\/buscador_20179478954\/corteconstitucionalcronologico202454587\/t-1124-01\/\" class=\"_self pt-cv-readmore btn btn-success\" target=\"_self\">Ver Sentencia Completa...<\/a><\/div><\/div><\/div><\/div>\n<div class=\"col-md-12 col-sm-12 col-xs-12 pt-cv-content-item pt-cv-1-col\" ><div class='pt-cv-ifield'><a href=\"https:\/\/www.dmsjuridica.com\/buscador_20179478954\/corteconstitucionalcronologico202454587\/t-1123-01\/\" class=\"_self pt-cv-href-thumbnail pt-cv-thumb-default\" target=\"_self\" ><\/a>\n<div class=\"pt-cv-taxoterm above_title\"><a href='https:\/\/www.dmsjuridica.com\/buscador_20179478954\/corteconstitucionalcronologico202454587\/category\/buscar-en-toda-la-corte\/2001\/tutelas-2001\/' title='Tutelas 2001' class='pt-cv-tax-tutelas-2001'>Tutelas 2001<\/a><\/div>\n<h4 class=\"pt-cv-title\"><a href=\"https:\/\/www.dmsjuridica.com\/buscador_20179478954\/corteconstitucionalcronologico202454587\/t-1123-01\/\" class=\"_self\" target=\"_self\" >T-1123-01<\/a><\/h4>\n<div class=\"pt-cv-content\">\u00a0 \u00a0 Sentencia T-1123\/01 \u00a0 INCAPACIDAD LABORAL-No pago por existir discusi\u00f3n de tipo econ\u00f3mico entre empleador y Seguro Social\/ACCION DE TUTELA-Improcedencia por no existir perjuicio irremediable \u00a0 Teniendo en cuenta que el actor, como el mismo afirma, se encuentra vinculado como trabajador dependiente y, como no est\u00e1 probado que el accionante se encuentre ante un perjuicio irremediable, a juicio de la Corte, cuenta con otro medio de defensa judicial, como es la acci\u00f3n ordinaria laboral para solicitar el pago de las incapacidades, adem\u00e1s, porque no puede el juez constitucional entrar a determinar ante la mora del empleador, si el pago ...<br \/><div class=\"pt-cv-rmwrap\"><a href=\"https:\/\/www.dmsjuridica.com\/buscador_20179478954\/corteconstitucionalcronologico202454587\/t-1123-01\/\" class=\"_self pt-cv-readmore btn btn-success\" target=\"_self\">Ver Sentencia Completa...<\/a><\/div><\/div><\/div><\/div>\n<div class=\"col-md-12 col-sm-12 col-xs-12 pt-cv-content-item pt-cv-1-col\" ><div class='pt-cv-ifield'><a href=\"https:\/\/www.dmsjuridica.com\/buscador_20179478954\/corteconstitucionalcronologico202454587\/t-1121-01\/\" class=\"_self pt-cv-href-thumbnail pt-cv-thumb-default\" target=\"_self\" ><\/a>\n<div class=\"pt-cv-taxoterm above_title\"><a href='https:\/\/www.dmsjuridica.com\/buscador_20179478954\/corteconstitucionalcronologico202454587\/category\/buscar-en-toda-la-corte\/2001\/tutelas-2001\/' title='Tutelas 2001' class='pt-cv-tax-tutelas-2001'>Tutelas 2001<\/a><\/div>\n<h4 class=\"pt-cv-title\"><a href=\"https:\/\/www.dmsjuridica.com\/buscador_20179478954\/corteconstitucionalcronologico202454587\/t-1121-01\/\" class=\"_self\" target=\"_self\" >T-1121-01<\/a><\/h4>\n<div class=\"pt-cv-content\">\u00a0 \u00a0 Sentencia T-1121\/01 \u00a0 ENTIDAD PROMOTORA DE SALUD-Deber de suministrar tratamiento y medicamentos a enfermos de sida\/ENTIDAD PROMOTORA DE SALUD-Repetici\u00f3n contra el FOSYGA \u00a0 DERECHO A LA SALUD DEL ENFERMO DE SIDA-Realizaci\u00f3n examen de carga viral\/DERECHO A LA SALUD DEL ENFERMO DE SIDA-Examen de carga viral fundamental para tratamiento del sida\/DERECHO A LA SALUD-Conexidad con la vida \u00a0 \u00a0 Reiteraci\u00f3n de jurisprudencia \u00a0 Referencia: expediente T-505370 \u00a0 Acci\u00f3n de tutela incoada por Jes\u00fas Alonso Pulgar\u00edn Usuga contra SUSALUD E.P.S. \u00a0 Magistrado Ponente: \u00a0 Dr. JAIME C\u00d3RDOBA TRIVI\u00d1O \u00a0 Bogot\u00e1, D.C., veinticinco (25) de octubre del a\u00f1o dos mil uno ...<br \/><div class=\"pt-cv-rmwrap\"><a href=\"https:\/\/www.dmsjuridica.com\/buscador_20179478954\/corteconstitucionalcronologico202454587\/t-1121-01\/\" class=\"_self pt-cv-readmore btn btn-success\" target=\"_self\">Ver Sentencia Completa...<\/a><\/div><\/div><\/div><\/div>\n<div class=\"col-md-12 col-sm-12 col-xs-12 pt-cv-content-item pt-cv-1-col\" ><div class='pt-cv-ifield'><a href=\"https:\/\/www.dmsjuridica.com\/buscador_20179478954\/corteconstitucionalcronologico202454587\/t-1120-01\/\" class=\"_self pt-cv-href-thumbnail pt-cv-thumb-default\" target=\"_self\" ><\/a>\n<div class=\"pt-cv-taxoterm above_title\"><a href='https:\/\/www.dmsjuridica.com\/buscador_20179478954\/corteconstitucionalcronologico202454587\/category\/buscar-en-toda-la-corte\/2001\/tutelas-2001\/' title='Tutelas 2001' class='pt-cv-tax-tutelas-2001'>Tutelas 2001<\/a><\/div>\n<h4 class=\"pt-cv-title\"><a href=\"https:\/\/www.dmsjuridica.com\/buscador_20179478954\/corteconstitucionalcronologico202454587\/t-1120-01\/\" class=\"_self\" target=\"_self\" >T-1120-01<\/a><\/h4>\n<div class=\"pt-cv-content\">\u00a0 \u00a0 Sentencia T-1120\/01 \u00a0 ENTIDAD PROMOTORA DE SALUD-Deber de suministrar tratamiento y medicamentos a enfermos de sida\/ENTIDAD PROMOTORA DE SALUD-Repetici\u00f3n contra el FOSYGA \u00a0 DERECHO A LA SALUD DEL ENFERMO DE SIDA-Realizaci\u00f3n examen de carga viral\/DERECHO A LA SALUD DEL ENFERMO DE SIDA-Examen de carga viral fundamental para tratamiento del sida\/DERECHO A LA SALUD-Conexidad con la vida \u00a0 Reiteraci\u00f3n de jurisprudencia \u00a0 Acci\u00f3n de tutela incoada por Eduardo Alexander Caicedo Ch\u00e1vez contra SUSALUD E.P.S. \u00a0 Magistrado Ponente: \u00a0 Dr. JAIME CORDOBA TRIVI\u00d1O \u00a0 Bogot\u00e1, D.C., veinticinco (25) de octubre del a\u00f1o dos mil uno (2001). \u00a0 La Sala Cuarta ...<br \/><div class=\"pt-cv-rmwrap\"><a href=\"https:\/\/www.dmsjuridica.com\/buscador_20179478954\/corteconstitucionalcronologico202454587\/t-1120-01\/\" class=\"_self pt-cv-readmore btn btn-success\" target=\"_self\">Ver Sentencia Completa...<\/a><\/div><\/div><\/div><\/div>\n<div class=\"col-md-12 col-sm-12 col-xs-12 pt-cv-content-item pt-cv-1-col\" ><div class='pt-cv-ifield'><a href=\"https:\/\/www.dmsjuridica.com\/buscador_20179478954\/corteconstitucionalcronologico202454587\/t-112-01\/\" class=\"_self pt-cv-href-thumbnail pt-cv-thumb-default\" target=\"_self\" ><\/a>\n<div class=\"pt-cv-taxoterm above_title\"><a href='https:\/\/www.dmsjuridica.com\/buscador_20179478954\/corteconstitucionalcronologico202454587\/category\/buscar-en-toda-la-corte\/2001\/tutelas-2001\/' title='Tutelas 2001' class='pt-cv-tax-tutelas-2001'>Tutelas 2001<\/a><\/div>\n<h4 class=\"pt-cv-title\"><a href=\"https:\/\/www.dmsjuridica.com\/buscador_20179478954\/corteconstitucionalcronologico202454587\/t-112-01\/\" class=\"_self\" target=\"_self\" >T-112-01<\/a><\/h4>\n<div class=\"pt-cv-content\">\u00a0 \u00a0 Sentencia T-112\/01 \u00a0 ACCION DE TUTELA-Procedencia excepcional pago de acreencias laborales \u00a0 DERECHO AL MINIMO VITAL DEL TRABAJADOR-Pago oportuno de salarios \u00a0 EMPLEADOR-Situaci\u00f3n econ\u00f3mica o presupuestal no es \u00f3bice para desconocer pago de salarios \u00a0 Referencia: expediente T-376517 \u00a0 Acci\u00f3n de tutela instaurada por Elvis Beatriz Reales Silva contra el Municipio de Aracataca\u00a0 \u00a0 Magistrada Ponente (E): \u00a0 Dra. MARTHA VICTORIA S\u00c1CHICA M\u00c9NDEZ \u00a0 Bogot\u00e1, D.C., enero treinta y uno (31) de dos mil uno (2001) \u00a0 La Sala Tercera de Revisi\u00f3n de la Corte Constitucional, integrada por los magistrados Martha V. S\u00e1chica M\u00e9ndez, Carlos Gaviria D\u00edaz y ...<br \/><div class=\"pt-cv-rmwrap\"><a href=\"https:\/\/www.dmsjuridica.com\/buscador_20179478954\/corteconstitucionalcronologico202454587\/t-112-01\/\" class=\"_self pt-cv-readmore btn btn-success\" target=\"_self\">Ver Sentencia Completa...<\/a><\/div><\/div><\/div><\/div>\n<div class=\"col-md-12 col-sm-12 col-xs-12 pt-cv-content-item pt-cv-1-col\" ><div class='pt-cv-ifield'><a href=\"https:\/\/www.dmsjuridica.com\/buscador_20179478954\/corteconstitucionalcronologico202454587\/t-1119-01\/\" class=\"_self pt-cv-href-thumbnail pt-cv-thumb-default\" target=\"_self\" ><\/a>\n<div class=\"pt-cv-taxoterm above_title\"><a href='https:\/\/www.dmsjuridica.com\/buscador_20179478954\/corteconstitucionalcronologico202454587\/category\/buscar-en-toda-la-corte\/2001\/tutelas-2001\/' title='Tutelas 2001' class='pt-cv-tax-tutelas-2001'>Tutelas 2001<\/a><\/div>\n<h4 class=\"pt-cv-title\"><a href=\"https:\/\/www.dmsjuridica.com\/buscador_20179478954\/corteconstitucionalcronologico202454587\/t-1119-01\/\" class=\"_self\" target=\"_self\" >T-1119-01<\/a><\/h4>\n<div class=\"pt-cv-content\">\u00a0 \u00a0 Sentencia T-1119\/01 \u00a0 DERECHO A LA SEGURIDAD SOCIAL-Fundamental por conexidad \u00a0 BONOS PENSIONALES-Pronta tramitaci\u00f3n\/VIA DE HECHO-Se niega pensi\u00f3n por demora en emisi\u00f3n del bono \u00a0 BONOS PENSIONALES-Disposiciones normativas \u00a0 INSTITUCION DE EDUCACION SUPERIOR-Creaci\u00f3n de un fondo para pago del pasivo pensional\/INSTITUCION DE EDUCACION SUPERIOR-Emisi\u00f3n y expedici\u00f3n de bono pensional \u00a0 Las instituciones de educaci\u00f3n superior del nivel territorial se encuentran en el deber, entre otras cosas, de constituir un fondo para el pago del pasivo pensional; de manejarlo como una subcuenta en sus respectivos presupuestos, de financiarlo con los aportes de las entidades territoriales y de elaborar y ...<br \/><div class=\"pt-cv-rmwrap\"><a href=\"https:\/\/www.dmsjuridica.com\/buscador_20179478954\/corteconstitucionalcronologico202454587\/t-1119-01\/\" class=\"_self pt-cv-readmore btn btn-success\" target=\"_self\">Ver Sentencia Completa...<\/a><\/div><\/div><\/div><\/div>\n<div class=\"col-md-12 col-sm-12 col-xs-12 pt-cv-content-item pt-cv-1-col\" ><div class='pt-cv-ifield'><a href=\"https:\/\/www.dmsjuridica.com\/buscador_20179478954\/corteconstitucionalcronologico202454587\/t-1118-01\/\" class=\"_self pt-cv-href-thumbnail pt-cv-thumb-default\" target=\"_self\" ><\/a>\n<div class=\"pt-cv-taxoterm above_title\"><a href='https:\/\/www.dmsjuridica.com\/buscador_20179478954\/corteconstitucionalcronologico202454587\/category\/buscar-en-toda-la-corte\/2001\/tutelas-2001\/' title='Tutelas 2001' class='pt-cv-tax-tutelas-2001'>Tutelas 2001<\/a><\/div>\n<h4 class=\"pt-cv-title\"><a href=\"https:\/\/www.dmsjuridica.com\/buscador_20179478954\/corteconstitucionalcronologico202454587\/t-1118-01\/\" class=\"_self\" target=\"_self\" >T-1118-01<\/a><\/h4>\n<div class=\"pt-cv-content\">\u00a0 \u00a0 Sentencia T-1118\/01 \u00a0 DERECHO DE PETICION-Respuesta oportuna y de fondo \u00a0 DERECHO DE PETICION FRENTE AL SILENCIO ADMINISTRATIVO NEGATIVO-Deber de resolver la solicitud \u00a0 Reiteraci\u00f3n de jurisprudencia \u00a0 Referencia: expediente T-475591 \u00a0 Acci\u00f3n de tutela incoada por Jos\u00e9 Rosemberg Upegui Santos, contra el Director General de la Caja Nacional de Previsi\u00f3n Social, CAJANAL E.P.S. \u00a0 Magistrado Ponente: \u00a0 Dr. JAIME C\u00d3RDOBA TRIVI\u00d1O \u00a0 Bogot\u00e1, D.C., veinticinco(25) de octubre de dos mil uno (2001). \u00a0 La Sala Cuarta de Revisi\u00f3n de la Corte Constitucional, en ejercicio de sus competencias constitucionales y legales, espec\u00edficamente las previstas en los art\u00edculos 86 ...<br \/><div class=\"pt-cv-rmwrap\"><a href=\"https:\/\/www.dmsjuridica.com\/buscador_20179478954\/corteconstitucionalcronologico202454587\/t-1118-01\/\" class=\"_self pt-cv-readmore btn btn-success\" target=\"_self\">Ver Sentencia Completa...<\/a><\/div><\/div><\/div><\/div>\n<div class=\"col-md-12 col-sm-12 col-xs-12 pt-cv-content-item pt-cv-1-col\" ><div class='pt-cv-ifield'><a href=\"https:\/\/www.dmsjuridica.com\/buscador_20179478954\/corteconstitucionalcronologico202454587\/t-1117-01\/\" class=\"_self pt-cv-href-thumbnail pt-cv-thumb-default\" target=\"_self\" ><\/a>\n<div class=\"pt-cv-taxoterm above_title\"><a href='https:\/\/www.dmsjuridica.com\/buscador_20179478954\/corteconstitucionalcronologico202454587\/category\/buscar-en-toda-la-corte\/2001\/tutelas-2001\/' title='Tutelas 2001' class='pt-cv-tax-tutelas-2001'>Tutelas 2001<\/a><\/div>\n<h4 class=\"pt-cv-title\"><a href=\"https:\/\/www.dmsjuridica.com\/buscador_20179478954\/corteconstitucionalcronologico202454587\/t-1117-01\/\" class=\"_self\" target=\"_self\" >T-1117-01<\/a><\/h4>\n<div class=\"pt-cv-content\">\u00a0 \u00a0 Sentencia T-1117\/01 \u00a0 ACCION DE TUTELA TRANSITORIA-Improcedencia para reconocimiento de nivelaciones y factores salariales \u00a0 En el presente caso no es procedente la acci\u00f3n de tutela como mecanismo transitorio por ausencia de perjuicio irremediable, en cuanto los accionantes no ven vulnerado su derecho al m\u00ednimo vital, en la medida en que vienen percibiendo oportunamente su salario, acorde con la remuneraci\u00f3n legalmente asignada a los empleos que desempe\u00f1an. Adem\u00e1s, disponen de un medio de defensa judicial id\u00f3neo y efectivo, la jurisdicci\u00f3n de lo contencioso administrativo, a trav\u00e9s del cual podr\u00e1n obtener el restablecimiento de los derechos a que haya ...<br \/><div class=\"pt-cv-rmwrap\"><a href=\"https:\/\/www.dmsjuridica.com\/buscador_20179478954\/corteconstitucionalcronologico202454587\/t-1117-01\/\" class=\"_self pt-cv-readmore btn btn-success\" target=\"_self\">Ver Sentencia Completa...<\/a><\/div><\/div><\/div><\/div>\n<div class=\"col-md-12 col-sm-12 col-xs-12 pt-cv-content-item pt-cv-1-col\" ><div class='pt-cv-ifield'><a href=\"https:\/\/www.dmsjuridica.com\/buscador_20179478954\/corteconstitucionalcronologico202454587\/t-111-01\/\" class=\"_self pt-cv-href-thumbnail pt-cv-thumb-default\" target=\"_self\" ><\/a>\n<div class=\"pt-cv-taxoterm above_title\"><a href='https:\/\/www.dmsjuridica.com\/buscador_20179478954\/corteconstitucionalcronologico202454587\/category\/buscar-en-toda-la-corte\/2001\/tutelas-2001\/' title='Tutelas 2001' class='pt-cv-tax-tutelas-2001'>Tutelas 2001<\/a><\/div>\n<h4 class=\"pt-cv-title\"><a href=\"https:\/\/www.dmsjuridica.com\/buscador_20179478954\/corteconstitucionalcronologico202454587\/t-111-01\/\" class=\"_self\" target=\"_self\" >T-111-01<\/a><\/h4>\n<div class=\"pt-cv-content\">\u00a0 \u00a0 Sentencia T-111\/01 \u00a0 BONOS PENSIONALES-Procedencia de tutela para reclamar la remisi\u00f3n \u00a0 ACCION DE TUTELA-Carencia actual de objeto \u00a0 Referencia: expediente T-375116 \u00a0 Acci\u00f3n de tutela instaurada por Carmen Bethsab\u00e9 Rodr\u00edguez de Raya contra la Gobernaci\u00f3n del Tolima. \u00a0 Magistrada Ponente:\u00a0 \u00a0 Dra. MARTHA VICTORIA S\u00c1CHICA M\u00c9NDEZ \u00a0 Bogot\u00e1, D.C., enero treinta y uno (31) de dos mil uno (2001) \u00a0 La Sala Tercera de Revisi\u00f3n de la Corte Constitucional, integrada por los magistrados, Martha Victoria S\u00e1chica M\u00e9ndez, Carlos Gaviria D\u00edaz y Jos\u00e9 Gregorio Hern\u00e1ndez Galindo, en ejercicio de sus competencias constitucionales y legales, ha proferido la siguiente ...<br \/><div class=\"pt-cv-rmwrap\"><a href=\"https:\/\/www.dmsjuridica.com\/buscador_20179478954\/corteconstitucionalcronologico202454587\/t-111-01\/\" class=\"_self pt-cv-readmore btn btn-success\" target=\"_self\">Ver Sentencia Completa...<\/a><\/div><\/div><\/div><\/div>\n<div class=\"col-md-12 col-sm-12 col-xs-12 pt-cv-content-item pt-cv-1-col\" ><div class='pt-cv-ifield'><a href=\"https:\/\/www.dmsjuridica.com\/buscador_20179478954\/corteconstitucionalcronologico202454587\/t-1103-01\/\" class=\"_self pt-cv-href-thumbnail pt-cv-thumb-default\" target=\"_self\" ><\/a>\n<div class=\"pt-cv-taxoterm above_title\"><a href='https:\/\/www.dmsjuridica.com\/buscador_20179478954\/corteconstitucionalcronologico202454587\/category\/buscar-en-toda-la-corte\/2001\/tutelas-2001\/' title='Tutelas 2001' class='pt-cv-tax-tutelas-2001'>Tutelas 2001<\/a><\/div>\n<h4 class=\"pt-cv-title\"><a href=\"https:\/\/www.dmsjuridica.com\/buscador_20179478954\/corteconstitucionalcronologico202454587\/t-1103-01\/\" class=\"_self\" target=\"_self\" >T-1103-01<\/a><\/h4>\n<div class=\"pt-cv-content\">\u00a0 \u00a0 Sentencia T-1103\/01 \u00a0 ACCION DE TUTELA-Improcedencia para pretermitir tr\u00e1mites administrativos \u00a0 La acci\u00f3n de tutela no est\u00e1 delineada para ordenarse el giro de un bono pensional de manera informal, ni para pagarse la mesada de una pensi\u00f3n de invalidez que no est\u00e1 reconocida, cuando no se han agotado los tr\u00e1mites administrativos para disfrutar de ese derecho. La solicitud del bono se condiciona a las exigencias propias de las disposiciones legales o los reglamentos internos de las empresas administradoras de pensiones -EAP-.\u00a0 \u00a0 ACCION DE TUTELA-Improcedencia respecto a expectativa sobre derecho pensional \u00a0 El ciudadano que considera haber reunido ...<br \/><div class=\"pt-cv-rmwrap\"><a href=\"https:\/\/www.dmsjuridica.com\/buscador_20179478954\/corteconstitucionalcronologico202454587\/t-1103-01\/\" class=\"_self pt-cv-readmore btn btn-success\" target=\"_self\">Ver Sentencia Completa...<\/a><\/div><\/div><\/div><\/div>\n<div class=\"col-md-12 col-sm-12 col-xs-12 pt-cv-content-item pt-cv-1-col\" ><div class='pt-cv-ifield'><a href=\"https:\/\/www.dmsjuridica.com\/buscador_20179478954\/corteconstitucionalcronologico202454587\/t-1102-01\/\" class=\"_self pt-cv-href-thumbnail pt-cv-thumb-default\" target=\"_self\" ><\/a>\n<div class=\"pt-cv-taxoterm above_title\"><a href='https:\/\/www.dmsjuridica.com\/buscador_20179478954\/corteconstitucionalcronologico202454587\/category\/buscar-en-toda-la-corte\/2001\/tutelas-2001\/' title='Tutelas 2001' class='pt-cv-tax-tutelas-2001'>Tutelas 2001<\/a><\/div>\n<h4 class=\"pt-cv-title\"><a href=\"https:\/\/www.dmsjuridica.com\/buscador_20179478954\/corteconstitucionalcronologico202454587\/t-1102-01\/\" class=\"_self\" target=\"_self\" >T-1102-01<\/a><\/h4>\n<div class=\"pt-cv-content\">\u00a0 \u00a0 Sentencia T-1102\/01 \u00a0 DERECHO A LA ESTABILIDAD LABORAL REFORZADA DE MUJER EMBARAZADA-Protecci\u00f3n \u00a0 ACCION DE TUTELA TRANSITORIA-Casos excepcionales de reintegro por despido de mujer embarazada \u00a0 ACCION DE TUTELA TRANSITORIA DEL DERECHO A LA ESTABILIDAD LABORAL REFORZADA DE MUJER EMBARAZADA-Elementos f\u00e1cticos que deben demostrarse \u00a0 MUJER TRABAJADORA EMBARAZADA-Informaci\u00f3n oportuna al empleador sobre su estado\u00a0 \u00a0 No procede el amparo solicitado por cuanto no existe en el proceso prueba demostrativa de vulneraci\u00f3n del derecho fundamental a la no discriminaci\u00f3n de la actora por parte de la accionada, pues es evidente que esta \u00faltima no conoc\u00eda del desarrollo de la ...<br \/><div class=\"pt-cv-rmwrap\"><a href=\"https:\/\/www.dmsjuridica.com\/buscador_20179478954\/corteconstitucionalcronologico202454587\/t-1102-01\/\" class=\"_self pt-cv-readmore btn btn-success\" target=\"_self\">Ver Sentencia Completa...<\/a><\/div><\/div><\/div><\/div>\n<div class=\"col-md-12 col-sm-12 col-xs-12 pt-cv-content-item pt-cv-1-col\" ><div class='pt-cv-ifield'><a href=\"https:\/\/www.dmsjuridica.com\/buscador_20179478954\/corteconstitucionalcronologico202454587\/t-1101-01\/\" class=\"_self pt-cv-href-thumbnail pt-cv-thumb-default\" target=\"_self\" ><\/a>\n<div class=\"pt-cv-taxoterm above_title\"><a href='https:\/\/www.dmsjuridica.com\/buscador_20179478954\/corteconstitucionalcronologico202454587\/category\/buscar-en-toda-la-corte\/2001\/tutelas-2001\/' title='Tutelas 2001' class='pt-cv-tax-tutelas-2001'>Tutelas 2001<\/a><\/div>\n<h4 class=\"pt-cv-title\"><a href=\"https:\/\/www.dmsjuridica.com\/buscador_20179478954\/corteconstitucionalcronologico202454587\/t-1101-01\/\" class=\"_self\" target=\"_self\" >T-1101-01<\/a><\/h4>\n<div class=\"pt-cv-content\">\u00a0 \u00a0 Sentencia T-1101\/01 \u00a0 DERECHO A LA ESTABILIDAD LABORAL REFORZADA DE MUJER EMBARAZADA-Protecci\u00f3n \u00a0 ACCION DE TUTELA TRANSITORIA-Casos excepcionales de reintegro por despido de mujer embarazada \u00a0 ACCION DE TUTELA TRANSITORIA DEL DERECHO A LA ESTABILIDAD LABORAL REFORZADA DE MUJER EMBARAZADA-Elementos f\u00e1cticos que deben demostrarse \u00a0 MUJER TRABAJADORA EMBARAZADA EN EMPRESA DE SERVICIOS TEMPORALES-Clase de vinculaci\u00f3n no modifica el alcance de sus derechos constitucionales \u00a0 El presente caso evidencia una situaci\u00f3n de debilidad de los controles que deben ejercer las autoridades del trabajo sobre las empresas de servicios temporales, que ha facilitado la desprotecci\u00f3n de los derechos de los ...<br \/><div class=\"pt-cv-rmwrap\"><a href=\"https:\/\/www.dmsjuridica.com\/buscador_20179478954\/corteconstitucionalcronologico202454587\/t-1101-01\/\" class=\"_self pt-cv-readmore btn btn-success\" target=\"_self\">Ver Sentencia Completa...<\/a><\/div><\/div><\/div><\/div>\n<div class=\"col-md-12 col-sm-12 col-xs-12 pt-cv-content-item pt-cv-1-col\" ><div class='pt-cv-ifield'><a href=\"https:\/\/www.dmsjuridica.com\/buscador_20179478954\/corteconstitucionalcronologico202454587\/t-1100-01\/\" class=\"_self pt-cv-href-thumbnail pt-cv-thumb-default\" target=\"_self\" ><\/a>\n<div class=\"pt-cv-taxoterm above_title\"><a href='https:\/\/www.dmsjuridica.com\/buscador_20179478954\/corteconstitucionalcronologico202454587\/category\/buscar-en-toda-la-corte\/2001\/tutelas-2001\/' title='Tutelas 2001' class='pt-cv-tax-tutelas-2001'>Tutelas 2001<\/a><\/div>\n<h4 class=\"pt-cv-title\"><a href=\"https:\/\/www.dmsjuridica.com\/buscador_20179478954\/corteconstitucionalcronologico202454587\/t-1100-01\/\" class=\"_self\" target=\"_self\" >T-1100-01<\/a><\/h4>\n<div class=\"pt-cv-content\">\u00a0 \u00a0 Sentencia T-1100\/01 \u00a0 ACCION DE TUTELA-Hecho consumado \u00a0 ENTIDAD TERRITORIAL-Mora en pago de mesadas pensionales \u00a0 DERECHO AL MINIMO VITAL DEL PENSIONADO-Pago oportuno de mesadas \u00a0 LLAMADO A PREVENCION A ALCALDE-Pago de mesadas pensionales\/LLAMADO A PREVENCION A ALCALDE-Fin vinculante \u00a0 Reiteraci\u00f3n de Jurisprudencia \u00a0 Referencia: expediente T-500128 \u00a0 Acci\u00f3n de tutela instaurada por Sara Noris Oviedo de Rangel contra el Municipio de Monter\u00eda. \u00a0 Magistrado Ponente: \u00a0 Dr. EDUARDO MONTEALEGRE LYNETT \u00a0 Bogot\u00e1, D.C., dieciocho (18) de octubre de dos mil uno (2001). \u00a0 La Sala S\u00e9ptima de Revisi\u00f3n de la Corte Constitucional, en ejercicio de sus competencias ...<br \/><div class=\"pt-cv-rmwrap\"><a href=\"https:\/\/www.dmsjuridica.com\/buscador_20179478954\/corteconstitucionalcronologico202454587\/t-1100-01\/\" class=\"_self pt-cv-readmore btn btn-success\" target=\"_self\">Ver Sentencia Completa...<\/a><\/div><\/div><\/div><\/div>\n<div class=\"col-md-12 col-sm-12 col-xs-12 pt-cv-content-item pt-cv-1-col\" ><div class='pt-cv-ifield'><a href=\"https:\/\/www.dmsjuridica.com\/buscador_20179478954\/corteconstitucionalcronologico202454587\/t-110-01\/\" class=\"_self pt-cv-href-thumbnail pt-cv-thumb-default\" target=\"_self\" ><\/a>\n<div class=\"pt-cv-taxoterm above_title\"><a href='https:\/\/www.dmsjuridica.com\/buscador_20179478954\/corteconstitucionalcronologico202454587\/category\/buscar-en-toda-la-corte\/2001\/tutelas-2001\/' title='Tutelas 2001' class='pt-cv-tax-tutelas-2001'>Tutelas 2001<\/a><\/div>\n<h4 class=\"pt-cv-title\"><a href=\"https:\/\/www.dmsjuridica.com\/buscador_20179478954\/corteconstitucionalcronologico202454587\/t-110-01\/\" class=\"_self\" target=\"_self\" >T-110-01<\/a><\/h4>\n<div class=\"pt-cv-content\">\u00a0 \u00a0 Sentencia T-110\/01 \u00a0 ACCION DE TUTELA-Demostraci\u00f3n de amenaza o vulneraci\u00f3n de derechos fundamentales\/ACCION DE TUTELA-Improcedencia por no demostraci\u00f3n de amenaza o vulneraci\u00f3n de derechos fundamentales \u00a0 DERECHO DE PETICION FRENTE A ENTIDAD FINANCIERA-Respuesta oportuna y de fondo \u00a0 Referencia: expediente T-375068 \u00a0 Acci\u00f3n de tutela instaurada por Ana Eva Hern\u00e1ndez Granados contra el Banco Granahorrar y el Banco Central Hipotecario.\u00a0 \u00a0 Magistrada Ponente: \u00a0 Dra. MARTHA VICTORIA S\u00c1CHICA M\u00c9NDEZ \u00a0 Bogot\u00e1, D.C., enero treinta y uno (31) de dos mil \u00a0uno (2001) \u00a0 La Sala Tercera de Revisi\u00f3n de la Corte Constitucional, integrada por los magistrados Martha V ...<br \/><div class=\"pt-cv-rmwrap\"><a href=\"https:\/\/www.dmsjuridica.com\/buscador_20179478954\/corteconstitucionalcronologico202454587\/t-110-01\/\" class=\"_self pt-cv-readmore btn btn-success\" target=\"_self\">Ver Sentencia Completa...<\/a><\/div><\/div><\/div><\/div>\n<div class=\"col-md-12 col-sm-12 col-xs-12 pt-cv-content-item pt-cv-1-col\" ><div class='pt-cv-ifield'><a href=\"https:\/\/www.dmsjuridica.com\/buscador_20179478954\/corteconstitucionalcronologico202454587\/t-1099-01\/\" class=\"_self pt-cv-href-thumbnail pt-cv-thumb-default\" target=\"_self\" ><\/a>\n<div class=\"pt-cv-taxoterm above_title\"><a href='https:\/\/www.dmsjuridica.com\/buscador_20179478954\/corteconstitucionalcronologico202454587\/category\/buscar-en-toda-la-corte\/2001\/tutelas-2001\/' title='Tutelas 2001' class='pt-cv-tax-tutelas-2001'>Tutelas 2001<\/a><\/div>\n<h4 class=\"pt-cv-title\"><a href=\"https:\/\/www.dmsjuridica.com\/buscador_20179478954\/corteconstitucionalcronologico202454587\/t-1099-01\/\" class=\"_self\" target=\"_self\" >T-1099-01<\/a><\/h4>\n<div class=\"pt-cv-content\">\u00a0 \u00a0 Sentencia T-1099\/01 \u00a0 DERECHO AL TRABAJO EN CONDICIONES DIGNAS Y JUSTAS-Pago oportuno de salarios \u00a0 ACCION DE TUTELA-Procedencia excepcional pago de salarios \u00a0 DERECHO AL MINIMO VITAL DEL TRABAJADOR-Presunci\u00f3n de afectaci\u00f3n por ausencia prolongada en pago de salarios \u00a0 PARTIDA PRESUPUESTAL-Gesti\u00f3n y distribuci\u00f3n para pago oportuno de salarios \u00a0 MEDIO DE DEFENSA JUDICIAL EFICAZ-Incremento salarial \u00a0 -Reiteraci\u00f3n de Jurisprudencia- \u00a0 Referencia: expediente T-490929.\u00a0 \u00a0 Acci\u00f3n de tutela instaurada por Marcos Castro Henr\u00edquez contra la Gobernaci\u00f3n del Departamento del Atl\u00e1ntico, el Secretario de Hacienda Departamental y la Tesorera Departamental. \u00a0 Magistrado Ponente: \u00a0 Dr. EDUARDO MONTEALEGRE LYNETT.\u00a0 \u00a0 Bogot\u00e1, ...<br \/><div class=\"pt-cv-rmwrap\"><a href=\"https:\/\/www.dmsjuridica.com\/buscador_20179478954\/corteconstitucionalcronologico202454587\/t-1099-01\/\" class=\"_self pt-cv-readmore btn btn-success\" target=\"_self\">Ver Sentencia Completa...<\/a><\/div><\/div><\/div><\/div>\n<div class=\"col-md-12 col-sm-12 col-xs-12 pt-cv-content-item pt-cv-1-col\" ><div class='pt-cv-ifield'><a href=\"https:\/\/www.dmsjuridica.com\/buscador_20179478954\/corteconstitucionalcronologico202454587\/t-1094-01\/\" class=\"_self pt-cv-href-thumbnail pt-cv-thumb-default\" target=\"_self\" ><\/a>\n<div class=\"pt-cv-taxoterm above_title\"><a href='https:\/\/www.dmsjuridica.com\/buscador_20179478954\/corteconstitucionalcronologico202454587\/category\/buscar-en-toda-la-corte\/2001\/tutelas-2001\/' title='Tutelas 2001' class='pt-cv-tax-tutelas-2001'>Tutelas 2001<\/a><\/div>\n<h4 class=\"pt-cv-title\"><a href=\"https:\/\/www.dmsjuridica.com\/buscador_20179478954\/corteconstitucionalcronologico202454587\/t-1094-01\/\" class=\"_self\" target=\"_self\" >T-1094-01<\/a><\/h4>\n<div class=\"pt-cv-content\">\u00a0 \u00a0 Sentencia T-1094\/01 \u00a0 IUS VARIANDI-Situaciones que se deben distinguir \u00a0 En lo que toca con el ejercicio leg\u00edtimo de esa \u00a0facultad por parte de los empleadores p\u00fablicos y privados -la de modificar razonablemente las condiciones laborales de sus trabajadores-, es menester distinguir dos situaciones concretas: i) Las relacionadas con actividades que no comportan el car\u00e1cter de esenciales ni comprometen directamente funciones propias del Estado, evento en el cual el ejercicio del ius variandi es de aplicaci\u00f3n restrictiva, y ii) Las relacionadas con actividades esenciales dentro del cumplimiento de los fines del \u00a0Estado, caso en el cual el empleador ...<br \/><div class=\"pt-cv-rmwrap\"><a href=\"https:\/\/www.dmsjuridica.com\/buscador_20179478954\/corteconstitucionalcronologico202454587\/t-1094-01\/\" class=\"_self pt-cv-readmore btn btn-success\" target=\"_self\">Ver Sentencia Completa...<\/a><\/div><\/div><\/div><\/div>\n<div class=\"col-md-12 col-sm-12 col-xs-12 pt-cv-content-item pt-cv-1-col\" ><div class='pt-cv-ifield'><a href=\"https:\/\/www.dmsjuridica.com\/buscador_20179478954\/corteconstitucionalcronologico202454587\/t-1093-01\/\" class=\"_self pt-cv-href-thumbnail pt-cv-thumb-default\" target=\"_self\" ><\/a>\n<div class=\"pt-cv-taxoterm above_title\"><a href='https:\/\/www.dmsjuridica.com\/buscador_20179478954\/corteconstitucionalcronologico202454587\/category\/buscar-en-toda-la-corte\/2001\/tutelas-2001\/' title='Tutelas 2001' class='pt-cv-tax-tutelas-2001'>Tutelas 2001<\/a><\/div>\n<h4 class=\"pt-cv-title\"><a href=\"https:\/\/www.dmsjuridica.com\/buscador_20179478954\/corteconstitucionalcronologico202454587\/t-1093-01\/\" class=\"_self\" target=\"_self\" >T-1093-01<\/a><\/h4>\n<div class=\"pt-cv-content\">\u00a0 \u00a0 Sentencia T-1093\/01 \u00a0 ACCION DE TUTELA-Procedencia excepcional pago de acreencias laborales \u00a0 DERECHO AL MINIMO VITAL-Alcance\u00a0 \u00a0 ESTABLECIMIENTO HOSPITALARIO-Situaci\u00f3n econ\u00f3mica o presupuestal no es \u00f3bice para desconocer pago de salarios\/DERECHO AL MINIMO VITAL DEL TRABAJADOR-Presunci\u00f3n de afectaci\u00f3n por ausencia prolongada en pago de salarios \u00a0 Referencia: expediente T-473573. Acci\u00f3n de tutela promovida por Jairo Motta Hern\u00e1ndez contra el Hospital San Rafa\u00e9l de Matanza, Santander.\u00a0 \u00a0 Magistrada Ponente: \u00a0 Dra. CLARA IN\u00c9S VARGAS HERN\u00c1NDEZ \u00a0 Bogot\u00e1, \u00a0D. C., diecis\u00e9is (16) de octubre de dos mil uno (2001). \u00a0 La Sala Novena de Revisi\u00f3n de la Corte Constitucional, integrada por ...<br \/><div class=\"pt-cv-rmwrap\"><a href=\"https:\/\/www.dmsjuridica.com\/buscador_20179478954\/corteconstitucionalcronologico202454587\/t-1093-01\/\" class=\"_self pt-cv-readmore btn btn-success\" target=\"_self\">Ver Sentencia Completa...<\/a><\/div><\/div><\/div><\/div>\n<div class=\"col-md-12 col-sm-12 col-xs-12 pt-cv-content-item pt-cv-1-col\" ><div class='pt-cv-ifield'><a href=\"https:\/\/www.dmsjuridica.com\/buscador_20179478954\/corteconstitucionalcronologico202454587\/t-1092-01\/\" class=\"_self pt-cv-href-thumbnail pt-cv-thumb-default\" target=\"_self\" ><\/a>\n<div class=\"pt-cv-taxoterm above_title\"><a href='https:\/\/www.dmsjuridica.com\/buscador_20179478954\/corteconstitucionalcronologico202454587\/category\/buscar-en-toda-la-corte\/2001\/tutelas-2001\/' title='Tutelas 2001' class='pt-cv-tax-tutelas-2001'>Tutelas 2001<\/a><\/div>\n<h4 class=\"pt-cv-title\"><a href=\"https:\/\/www.dmsjuridica.com\/buscador_20179478954\/corteconstitucionalcronologico202454587\/t-1092-01\/\" class=\"_self\" target=\"_self\" >T-1092-01<\/a><\/h4>\n<div class=\"pt-cv-content\">\u00a0 \u00a0 Sentencia T-1092\/01 \u00a0 ACCION DE TUTELA-Procedencia excepcional pago de acreencias laborales \u00a0 DERECHO AL MINIMO VITAL DEL TRABAJADOR-Presunci\u00f3n de afectaci\u00f3n por ausencia prolongada en pago de salarios \u00a0 DERECHO AL PAGO OPORTUNO DEL SALARIO-Fundamental \u00a0 PARTIDA PRESUPUESTAL-Disponibilidad por pago de salarios y prestaciones\/ESTABLECIMIENTO HOSPITALARIO-Situaci\u00f3n econ\u00f3mica o presupuestal no es \u00f3bice para desconocer obligaciones laborales \u00a0 Reiteraci\u00f3n de Jurisprudencia \u00a0 Referencia: expedientes T-473714, T-473726, \u00a0 \u00a0 T-473727 y T-475173. \u00a0 Acciones de tutela instauradas por Alba C\u00f3rdoba Bossio, Emilio Villareal Jim\u00e9nez, Alba Luz Valencia Cerpa y Edith Catalina Cabana Bovea contra la E.S.E. Hospital General de Barranquilla. \u00a0 Magistrado ...<br \/><div class=\"pt-cv-rmwrap\"><a href=\"https:\/\/www.dmsjuridica.com\/buscador_20179478954\/corteconstitucionalcronologico202454587\/t-1092-01\/\" class=\"_self pt-cv-readmore btn btn-success\" target=\"_self\">Ver Sentencia Completa...<\/a><\/div><\/div><\/div><\/div>\n<div class=\"col-md-12 col-sm-12 col-xs-12 pt-cv-content-item pt-cv-1-col\" ><div class='pt-cv-ifield'><a href=\"https:\/\/www.dmsjuridica.com\/buscador_20179478954\/corteconstitucionalcronologico202454587\/t-1091-01\/\" class=\"_self pt-cv-href-thumbnail pt-cv-thumb-default\" target=\"_self\" ><\/a>\n<div class=\"pt-cv-taxoterm above_title\"><a href='https:\/\/www.dmsjuridica.com\/buscador_20179478954\/corteconstitucionalcronologico202454587\/category\/buscar-en-toda-la-corte\/2001\/tutelas-2001\/' title='Tutelas 2001' class='pt-cv-tax-tutelas-2001'>Tutelas 2001<\/a><\/div>\n<h4 class=\"pt-cv-title\"><a href=\"https:\/\/www.dmsjuridica.com\/buscador_20179478954\/corteconstitucionalcronologico202454587\/t-1091-01\/\" class=\"_self\" target=\"_self\" >T-1091-01<\/a><\/h4>\n<div class=\"pt-cv-content\">\u00a0 \u00a0 Sentencia T-1091\/01 \u00a0 SUSPENSION PROVISIONAL DE ACTO ADMINISTRATIVO-Recursos por v\u00eda gubernativa\/SUSPENSION PROVISIONAL DE ACTO ADMINISTRATIVO-Improcedencia de tutela \u00a0 ACCION DE TUTELA-Improcedencia general sobre controversias laborales \u00a0 JUEZ DE TUTELA-Derechos no invocados\/DERECHO DE PETICION-Protecci\u00f3n \u00a0 Reiteraci\u00f3n de Jurisprudencia \u00a0 Referencia: expediente T-473350 \u00a0 Magistrado Ponente: \u00a0 Dr. ALVARO TAFUR GALVIS \u00a0 Bogot\u00e1, D.C., a los diecis\u00e9is (16) d\u00edas del mes de octubre de dos mil uno (2001). \u00a0 La Sala Octava de Revisi\u00f3n de Tutelas de la Corte Constitucional, integrada por los Magistrados CLARA IN\u00c9S VARGAS HERN\u00c1NDEZ, JAIME ARA\u00daJO RENTER\u00cdA y ALVARO TAFUR GALVIS, en ejercicio de sus competencias ...<br \/><div class=\"pt-cv-rmwrap\"><a href=\"https:\/\/www.dmsjuridica.com\/buscador_20179478954\/corteconstitucionalcronologico202454587\/t-1091-01\/\" class=\"_self pt-cv-readmore btn btn-success\" target=\"_self\">Ver Sentencia Completa...<\/a><\/div><\/div><\/div><\/div>\n<div class=\"col-md-12 col-sm-12 col-xs-12 pt-cv-content-item pt-cv-1-col\" ><div class='pt-cv-ifield'><a href=\"https:\/\/www.dmsjuridica.com\/buscador_20179478954\/corteconstitucionalcronologico202454587\/t-1090-01\/\" class=\"_self pt-cv-href-thumbnail pt-cv-thumb-default\" target=\"_self\" ><\/a>\n<div class=\"pt-cv-taxoterm above_title\"><a href='https:\/\/www.dmsjuridica.com\/buscador_20179478954\/corteconstitucionalcronologico202454587\/category\/buscar-en-toda-la-corte\/2001\/tutelas-2001\/' title='Tutelas 2001' class='pt-cv-tax-tutelas-2001'>Tutelas 2001<\/a><\/div>\n<h4 class=\"pt-cv-title\"><a href=\"https:\/\/www.dmsjuridica.com\/buscador_20179478954\/corteconstitucionalcronologico202454587\/t-1090-01\/\" class=\"_self\" target=\"_self\" >T-1090-01<\/a><\/h4>\n<div class=\"pt-cv-content\">\u00a0 \u00a0 Sentencia T-1090\/01 \u00a0 MUJER EMBARAZADA EN CONTRATO A TERMINO FIJO-Terminaci\u00f3n de labor contratada \u00a0 El despido de la demandante en ning\u00fan momento se produjo por causa de su estado de embarazo, sino por la finalizaci\u00f3n de la labor para la cual fue contratada, motivo por el cual la Sala considera que no es necesario verificar el cumplimiento de los dem\u00e1s requisitos fijados por la jurisprudencia constitucional, para conceder el amparo solicitado. \u00a0 Reiteraci\u00f3n de Jurisprudencia \u00a0 Referencia: expediente T-441777 \u00a0 Magistrado Ponente: \u00a0 Dr. ALVARO TAFUR GALVIS \u00a0 Bogot\u00e1, D.C., a los diecis\u00e9is (16) d\u00edas del mes de ...<br \/><div class=\"pt-cv-rmwrap\"><a href=\"https:\/\/www.dmsjuridica.com\/buscador_20179478954\/corteconstitucionalcronologico202454587\/t-1090-01\/\" class=\"_self pt-cv-readmore btn btn-success\" target=\"_self\">Ver Sentencia Completa...<\/a><\/div><\/div><\/div><\/div>\n<div class=\"col-md-12 col-sm-12 col-xs-12 pt-cv-content-item pt-cv-1-col\" ><div class='pt-cv-ifield'><a href=\"https:\/\/www.dmsjuridica.com\/buscador_20179478954\/corteconstitucionalcronologico202454587\/t-109-01\/\" class=\"_self pt-cv-href-thumbnail pt-cv-thumb-default\" target=\"_self\" ><\/a>\n<div class=\"pt-cv-taxoterm above_title\"><a href='https:\/\/www.dmsjuridica.com\/buscador_20179478954\/corteconstitucionalcronologico202454587\/category\/buscar-en-toda-la-corte\/2001\/tutelas-2001\/' title='Tutelas 2001' class='pt-cv-tax-tutelas-2001'>Tutelas 2001<\/a><\/div>\n<h4 class=\"pt-cv-title\"><a href=\"https:\/\/www.dmsjuridica.com\/buscador_20179478954\/corteconstitucionalcronologico202454587\/t-109-01\/\" class=\"_self\" target=\"_self\" >T-109-01<\/a><\/h4>\n<div class=\"pt-cv-content\">\u00a0 \u00a0 Sentencia T-109\/01 \u00a0 DERECHO AL PAGO OPORTUNO DEL SALARIO-Efectividad\/DERECHO AL PAGO OPORTUNO DEL SALARIO-Plazo razonable \u00a0 En relaci\u00f3n con el derecho fundamental al pago oportuno de los salarios, derivado directamente del derecho a la subsistencia, las medidas de protecci\u00f3n judicial que el Estado ofrece a los ciudadanos debe garantizar que en un plazo razonable se haga efectivo el pago. Superado dicho t\u00e9rmino razonable, adem\u00e1s de la restricci\u00f3n a la libertad que se deriva de la imposibilidad de realizar el proyecto de vida por la mora en recibir los recursos, se impone a la persona una carga exorbitante, que ...<br \/><div class=\"pt-cv-rmwrap\"><a href=\"https:\/\/www.dmsjuridica.com\/buscador_20179478954\/corteconstitucionalcronologico202454587\/t-109-01\/\" class=\"_self pt-cv-readmore btn btn-success\" target=\"_self\">Ver Sentencia Completa...<\/a><\/div><\/div><\/div><\/div>\n<div class=\"col-md-12 col-sm-12 col-xs-12 pt-cv-content-item pt-cv-1-col\" ><div class='pt-cv-ifield'><a href=\"https:\/\/www.dmsjuridica.com\/buscador_20179478954\/corteconstitucionalcronologico202454587\/t-1089-01\/\" class=\"_self pt-cv-href-thumbnail pt-cv-thumb-default\" target=\"_self\" ><\/a>\n<div class=\"pt-cv-taxoterm above_title\"><a href='https:\/\/www.dmsjuridica.com\/buscador_20179478954\/corteconstitucionalcronologico202454587\/category\/buscar-en-toda-la-corte\/2001\/tutelas-2001\/' title='Tutelas 2001' class='pt-cv-tax-tutelas-2001'>Tutelas 2001<\/a><\/div>\n<h4 class=\"pt-cv-title\"><a href=\"https:\/\/www.dmsjuridica.com\/buscador_20179478954\/corteconstitucionalcronologico202454587\/t-1089-01\/\" class=\"_self\" target=\"_self\" >T-1089-01<\/a><\/h4>\n<div class=\"pt-cv-content\">\u00a0 \u00a0 Sentencia T-1089\/01 \u00a0 DERECHO DE PETICION-Alcance\/DERECHO DE PETICION-N\u00facleo esencial \u00a0 DERECHO DE PETICION-La falta de competencia de la entidad ante quien se plantea no la exonera del deber de responder \u00a0 DERECHO DE PETICION-Pronta resoluci\u00f3n \u00a0 Referencia: expediente T-472599 \u00a0 Acci\u00f3n de tutela instaurada por Oscar De Jes\u00fas Castrill\u00f3n Quinceno contra el Gerente Regional del Instituto de Seguros Sociales EPS, Doctor Juan Guillermo Correa Gonz\u00e1lez. \u00a0 Magistrado Ponente: \u00a0 Dr. MANUEL JOSE CEPEDA ESPINOSA \u00a0 Bogot\u00e1, D.C., octubre doce (12) de dos mil uno (2001). \u00a0 Esta Sala de Revisi\u00f3n advierte que, por tratarse en este caso de ...<br \/><div class=\"pt-cv-rmwrap\"><a href=\"https:\/\/www.dmsjuridica.com\/buscador_20179478954\/corteconstitucionalcronologico202454587\/t-1089-01\/\" class=\"_self pt-cv-readmore btn btn-success\" target=\"_self\">Ver Sentencia Completa...<\/a><\/div><\/div><\/div><\/div>\n<div class=\"col-md-12 col-sm-12 col-xs-12 pt-cv-content-item pt-cv-1-col\" ><div class='pt-cv-ifield'><a href=\"https:\/\/www.dmsjuridica.com\/buscador_20179478954\/corteconstitucionalcronologico202454587\/t-1088-01\/\" class=\"_self pt-cv-href-thumbnail pt-cv-thumb-default\" target=\"_self\" ><\/a>\n<div class=\"pt-cv-taxoterm above_title\"><a href='https:\/\/www.dmsjuridica.com\/buscador_20179478954\/corteconstitucionalcronologico202454587\/category\/buscar-en-toda-la-corte\/2001\/tutelas-2001\/' title='Tutelas 2001' class='pt-cv-tax-tutelas-2001'>Tutelas 2001<\/a><\/div>\n<h4 class=\"pt-cv-title\"><a href=\"https:\/\/www.dmsjuridica.com\/buscador_20179478954\/corteconstitucionalcronologico202454587\/t-1088-01\/\" class=\"_self\" target=\"_self\" >T-1088-01<\/a><\/h4>\n<div class=\"pt-cv-content\">\u00a0 \u00a0 Sentencia T-1088\/01 \u00a0 ACCION DE TUTELA-Procedencia excepcional pago de acreencias laborales \u00a0 DERECHO AL MINIMO VITAL DEL TRABAJADOR-Presunci\u00f3n de afectaci\u00f3n por ausencia prolongada en pago de salarios \u00a0 JUEZ DE TUTELA-Omisi\u00f3n en pr\u00e1ctica de pruebas \u00a0 JUEZ DE TUTELA-Deberes \u00a0 DEMANDA DE TUTELA-Equilibrio entre lo expuesto por el peticionario y la comprobaci\u00f3n por el juez \u00a0 No significa \"que la justicia constitucional deba ser oficiosa ni que el \u00e9xito de las pretensiones de la tutela correspondan \u00fanica y exclusivamente al juez, puesto que es razonable sostener que quien conoce la manera exacta como se presentan los hechos y ...<br \/><div class=\"pt-cv-rmwrap\"><a href=\"https:\/\/www.dmsjuridica.com\/buscador_20179478954\/corteconstitucionalcronologico202454587\/t-1088-01\/\" class=\"_self pt-cv-readmore btn btn-success\" target=\"_self\">Ver Sentencia Completa...<\/a><\/div><\/div><\/div><\/div>\n<div class=\"col-md-12 col-sm-12 col-xs-12 pt-cv-content-item pt-cv-1-col\" ><div class='pt-cv-ifield'><a href=\"https:\/\/www.dmsjuridica.com\/buscador_20179478954\/corteconstitucionalcronologico202454587\/t-1087-01\/\" class=\"_self pt-cv-href-thumbnail pt-cv-thumb-default\" target=\"_self\" ><\/a>\n<div class=\"pt-cv-taxoterm above_title\"><a href='https:\/\/www.dmsjuridica.com\/buscador_20179478954\/corteconstitucionalcronologico202454587\/category\/buscar-en-toda-la-corte\/2001\/tutelas-2001\/' title='Tutelas 2001' class='pt-cv-tax-tutelas-2001'>Tutelas 2001<\/a><\/div>\n<h4 class=\"pt-cv-title\"><a href=\"https:\/\/www.dmsjuridica.com\/buscador_20179478954\/corteconstitucionalcronologico202454587\/t-1087-01\/\" class=\"_self\" target=\"_self\" >T-1087-01<\/a><\/h4>\n<div class=\"pt-cv-content\">\u00a0 \u00a0 Sentencia T-1087\/01 \u00a0 DERECHO A LA SALUD DEL NI\u00d1O-Fundamental \u00a0 REGIMEN SUBSIDIADO DE SALUD-Ex\u00e1menes y tratamiento de menor con epilepsia\/REGIMEN SUBSIDIADO DE SALUD-Repetici\u00f3n contra el FOSYGA \u00a0 Referencia: expediente T-470207 \u00a0 Acci\u00f3n de tutela instaurada por Mar\u00eda Auxilio Jaramillo Henao contra Metrosalud E.S.E.\u00a0 \u00a0 Magistrado Ponente: \u00a0 Dr. MANUEL JOS\u00c9 CEPEDA ESPINOSA \u00a0 Bogot\u00e1, D.C., octubre doce (12) de dos mil uno (2001) \u00a0 La Sala Tercera de Revisi\u00f3n de la Corte Constitucional, integrada por los magistrados Manuel Jos\u00e9 Cepeda Espinosa, Jaime C\u00f3rdoba Trivi\u00f1o y Rodrigo Escobar Gil, en ejercicio de sus atribuciones constitucio\u00ad\u00adna\u00adles y previo el cum\u00adpli\u00admiento ...<br \/><div class=\"pt-cv-rmwrap\"><a href=\"https:\/\/www.dmsjuridica.com\/buscador_20179478954\/corteconstitucionalcronologico202454587\/t-1087-01\/\" class=\"_self pt-cv-readmore btn btn-success\" target=\"_self\">Ver Sentencia Completa...<\/a><\/div><\/div><\/div><\/div>\n<div class=\"col-md-12 col-sm-12 col-xs-12 pt-cv-content-item pt-cv-1-col\" ><div class='pt-cv-ifield'><a href=\"https:\/\/www.dmsjuridica.com\/buscador_20179478954\/corteconstitucionalcronologico202454587\/t-1086-01\/\" class=\"_self pt-cv-href-thumbnail pt-cv-thumb-default\" target=\"_self\" ><\/a>\n<div class=\"pt-cv-taxoterm above_title\"><a href='https:\/\/www.dmsjuridica.com\/buscador_20179478954\/corteconstitucionalcronologico202454587\/category\/buscar-en-toda-la-corte\/2001\/tutelas-2001\/' title='Tutelas 2001' class='pt-cv-tax-tutelas-2001'>Tutelas 2001<\/a><\/div>\n<h4 class=\"pt-cv-title\"><a href=\"https:\/\/www.dmsjuridica.com\/buscador_20179478954\/corteconstitucionalcronologico202454587\/t-1086-01\/\" class=\"_self\" target=\"_self\" >T-1086-01<\/a><\/h4>\n<div class=\"pt-cv-content\">\u00a0 \u00a0 Sentencia T-1086\/01 \u00a0 ACCION DE TUTELA CONTRA PARTICULARES-Procedencia excepcional \u00a0 DERECHO AL LIBRE DESARROLLO DE LA PERSONALIDAD-L\u00edmites \u00a0 MANUAL DE CONVIVENCIA-Finalidad \u00a0 MANUAL DE CONVIVENCIA-L\u00edmites \u00a0 DERECHO AL LIBRE DESARROLLO DE LA PERSONALIDAD-Juicio de proporcionalidad sobre restricciones a la apariencia personal de educandos \u00a0 DERECHO AL LIBRE DESARROLLO DE LA PERSONALIDAD-Uso de piercing o arete \u00a0 DERECHO AL LIBRE DESARROLLO DE LA PERSONALIDAD-Inexistencia de vulneraci\u00f3n \u00a0 \u00a0 Sala Quinta de Revisi\u00f3n \u00a0 Referencia: Expediente T-471.273 \u00a0 Accionante: Juan Mauricio Uribe Bedoya. \u00a0 Demandado: Carlos Guillermo Pati\u00f1o, Coordinador de Disciplina, y Hermes Galileo, Coordinador del Grupo Und\u00e9cimo F del ...<br \/><div class=\"pt-cv-rmwrap\"><a href=\"https:\/\/www.dmsjuridica.com\/buscador_20179478954\/corteconstitucionalcronologico202454587\/t-1086-01\/\" class=\"_self pt-cv-readmore btn btn-success\" target=\"_self\">Ver Sentencia Completa...<\/a><\/div><\/div><\/div><\/div>\n<div class=\"col-md-12 col-sm-12 col-xs-12 pt-cv-content-item pt-cv-1-col\" ><div class='pt-cv-ifield'><a href=\"https:\/\/www.dmsjuridica.com\/buscador_20179478954\/corteconstitucionalcronologico202454587\/t-1085-01\/\" class=\"_self pt-cv-href-thumbnail pt-cv-thumb-default\" target=\"_self\" ><\/a>\n<div class=\"pt-cv-taxoterm above_title\"><a href='https:\/\/www.dmsjuridica.com\/buscador_20179478954\/corteconstitucionalcronologico202454587\/category\/buscar-en-toda-la-corte\/2001\/tutelas-2001\/' title='Tutelas 2001' class='pt-cv-tax-tutelas-2001'>Tutelas 2001<\/a><\/div>\n<h4 class=\"pt-cv-title\"><a href=\"https:\/\/www.dmsjuridica.com\/buscador_20179478954\/corteconstitucionalcronologico202454587\/t-1085-01\/\" class=\"_self\" target=\"_self\" >T-1085-01<\/a><\/h4>\n<div class=\"pt-cv-content\">PRINCIPIO DE OFICIOSIDAD E INFORMALIDAD DE LA ACCION DE TUTELA-Conformaci\u00f3n del leg\u00edtimo contradictorio\/LEGITIMACION POR PASIVA EN TUTELA \u00a0 HABEAS DATA-Finalidad \u00a0 VERACIDAD DE LA INFORMACION-Alcance\/IMPARCIALIDAD DE LA INFORMACION-Alcance \u00a0 IMPARCIALIDAD DE LA INFORMACION-Mayor diligencia de las autoridades financieras \u00a0 DACION EN PAGO-Reportes negativos en centrales de informaci\u00f3n financiera \u00a0 HABEAS DATA-Vulneraci\u00f3n \u00a0 Referencia: expediente T-472516 \u00a0 Accionante: Mario Ram\u00edrez Ram\u00edrez contra GRANAHORRAR S.A.\u00a0 \u00a0 Procedencia: Juzgado Tercero de Familia de Bogot\u00e1.\u00a0 \u00a0 Magistrado Ponente: \u00a0 Dr. EDUARDO MONTEALEGRE LYNETT \u00a0 Bogot\u00e1, D.C., octubre once (11) de dos mil uno (2001).\u00a0 \u00a0 La Sala S\u00e9ptima de Revisi\u00f3n de la Corte Constitucional, ...<br \/><div class=\"pt-cv-rmwrap\"><a href=\"https:\/\/www.dmsjuridica.com\/buscador_20179478954\/corteconstitucionalcronologico202454587\/t-1085-01\/\" class=\"_self pt-cv-readmore btn btn-success\" target=\"_self\">Ver Sentencia Completa...<\/a><\/div><\/div><\/div><\/div>\n<div class=\"col-md-12 col-sm-12 col-xs-12 pt-cv-content-item pt-cv-1-col\" ><div class='pt-cv-ifield'><a href=\"https:\/\/www.dmsjuridica.com\/buscador_20179478954\/corteconstitucionalcronologico202454587\/t-1084-01\/\" class=\"_self pt-cv-href-thumbnail pt-cv-thumb-default\" target=\"_self\" ><\/a>\n<div class=\"pt-cv-taxoterm above_title\"><a href='https:\/\/www.dmsjuridica.com\/buscador_20179478954\/corteconstitucionalcronologico202454587\/category\/buscar-en-toda-la-corte\/2001\/tutelas-2001\/' title='Tutelas 2001' class='pt-cv-tax-tutelas-2001'>Tutelas 2001<\/a><\/div>\n<h4 class=\"pt-cv-title\"><a href=\"https:\/\/www.dmsjuridica.com\/buscador_20179478954\/corteconstitucionalcronologico202454587\/t-1084-01\/\" class=\"_self\" target=\"_self\" >T-1084-01<\/a><\/h4>\n<div class=\"pt-cv-content\">\u00a0 \u00a0 Sentencia T-1084\/01\u00a0 \u00a0 SISTEMA DE CARRERA ADMINISTRATIVA Y JUDICIAL-M\u00e9rito como elemento esencial \u00a0 DERECHOS FUNDAMENTALES-Vulneraci\u00f3n por no respetar lista de elegibles \u00a0 SISTEMA DE CARRERA-Discrecionalidad del nominador para utilizar lista de elegibles para proveer otros empleos \u00a0 El tema que se plantea en la presente acci\u00f3n hace referencia a si los nominadores de cargos que se proveen por el sistema de carrera administrativa, solo est\u00e1n obligados a nombrar el primero y son discrecionales para nombrar al resto de las personas que aparecen en la lista de elegibles como lo dice la Procuradur\u00eda General de la Naci\u00f3n al contestar ...<br \/><div class=\"pt-cv-rmwrap\"><a href=\"https:\/\/www.dmsjuridica.com\/buscador_20179478954\/corteconstitucionalcronologico202454587\/t-1084-01\/\" class=\"_self pt-cv-readmore btn btn-success\" target=\"_self\">Ver Sentencia Completa...<\/a><\/div><\/div><\/div><\/div>\n<div class=\"col-md-12 col-sm-12 col-xs-12 pt-cv-content-item pt-cv-1-col\" ><div class='pt-cv-ifield'><a href=\"https:\/\/www.dmsjuridica.com\/buscador_20179478954\/corteconstitucionalcronologico202454587\/t-1083-01\/\" class=\"_self pt-cv-href-thumbnail pt-cv-thumb-default\" target=\"_self\" ><\/a>\n<div class=\"pt-cv-taxoterm above_title\"><a href='https:\/\/www.dmsjuridica.com\/buscador_20179478954\/corteconstitucionalcronologico202454587\/category\/buscar-en-toda-la-corte\/2001\/tutelas-2001\/' title='Tutelas 2001' class='pt-cv-tax-tutelas-2001'>Tutelas 2001<\/a><\/div>\n<h4 class=\"pt-cv-title\"><a href=\"https:\/\/www.dmsjuridica.com\/buscador_20179478954\/corteconstitucionalcronologico202454587\/t-1083-01\/\" class=\"_self\" target=\"_self\" >T-1083-01<\/a><\/h4>\n<div class=\"pt-cv-content\">\u00a0 \u00a0 Sentencia T-1083\/01 \u00a0 ACCION DE TUTELA-Improcedencia para ordenar reconocimiento de pensiones \u00a0 ACCION DE TUTELA-Procedencia excepcional para reconocimiento de derechos pensionales \u00a0 La controversia sobre el reconocimiento de los derechos pensionales adquiere la dimensi\u00f3n de un problema constitucional cuando su no reconocimiento viola o amenaza violar derechos fundamentales diversos \u00a0entre ellos el derecho de igualdad ante la ley, el derecho a la familia o su protecci\u00f3n especial \u00a0y los derechos fundamentales de los ni\u00f1os, y los medios judiciales no son eficaces para su protecci\u00f3n teniendo en cuenta las circunstancias particulares del actor, o la intervenci\u00f3n del juez constitucional ...<br \/><div class=\"pt-cv-rmwrap\"><a href=\"https:\/\/www.dmsjuridica.com\/buscador_20179478954\/corteconstitucionalcronologico202454587\/t-1083-01\/\" class=\"_self pt-cv-readmore btn btn-success\" target=\"_self\">Ver Sentencia Completa...<\/a><\/div><\/div><\/div><\/div>\n<div class=\"col-md-12 col-sm-12 col-xs-12 pt-cv-content-item pt-cv-1-col\" ><div class='pt-cv-ifield'><a href=\"https:\/\/www.dmsjuridica.com\/buscador_20179478954\/corteconstitucionalcronologico202454587\/t-1082-01\/\" class=\"_self pt-cv-href-thumbnail pt-cv-thumb-default\" target=\"_self\" ><\/a>\n<div class=\"pt-cv-taxoterm above_title\"><a href='https:\/\/www.dmsjuridica.com\/buscador_20179478954\/corteconstitucionalcronologico202454587\/category\/buscar-en-toda-la-corte\/2001\/tutelas-2001\/' title='Tutelas 2001' class='pt-cv-tax-tutelas-2001'>Tutelas 2001<\/a><\/div>\n<h4 class=\"pt-cv-title\"><a href=\"https:\/\/www.dmsjuridica.com\/buscador_20179478954\/corteconstitucionalcronologico202454587\/t-1082-01\/\" class=\"_self\" target=\"_self\" >T-1082-01<\/a><\/h4>\n<div class=\"pt-cv-content\">\u00a0 \u00a0 Sentencia T-1082\/01 \u00a0 ACCION DE TUTELA CONTRA PARTICULARES-Subordinaci\u00f3n \u00a0 ACCION DE TUTELA CONTRA ADMINISTRACION DE CONJUNTO RESIDENCIAL-Casos en que procede respecto de reglamentos de copropiedad \u00a0 Para realizar el an\u00e1lisis del respeto del \u00a0derecho a la igualdad en un caso concreto se debe establecer con anterioridad entre qui\u00e9nes se est\u00e1 dando un trato diferenciador, en qu\u00e9 sentido o en virtud de qu\u00e9 actuaci\u00f3n se da esa diferenciaci\u00f3n y con base en qu\u00e9 criterios. Una vez establecidos estos tres puntos, se debe determinar, bajo los par\u00e1metros de un test de \u00a0igualdad, la validez de tal discriminaci\u00f3n. En la realizaci\u00f3n ...<br \/><div class=\"pt-cv-rmwrap\"><a href=\"https:\/\/www.dmsjuridica.com\/buscador_20179478954\/corteconstitucionalcronologico202454587\/t-1082-01\/\" class=\"_self pt-cv-readmore btn btn-success\" target=\"_self\">Ver Sentencia Completa...<\/a><\/div><\/div><\/div><\/div>\n<div class=\"col-md-12 col-sm-12 col-xs-12 pt-cv-content-item pt-cv-1-col\" ><div class='pt-cv-ifield'><a href=\"https:\/\/www.dmsjuridica.com\/buscador_20179478954\/corteconstitucionalcronologico202454587\/t-1081-01\/\" class=\"_self pt-cv-href-thumbnail pt-cv-thumb-default\" target=\"_self\" ><\/a>\n<div class=\"pt-cv-taxoterm above_title\"><a href='https:\/\/www.dmsjuridica.com\/buscador_20179478954\/corteconstitucionalcronologico202454587\/category\/buscar-en-toda-la-corte\/2001\/tutelas-2001\/' title='Tutelas 2001' class='pt-cv-tax-tutelas-2001'>Tutelas 2001<\/a><\/div>\n<h4 class=\"pt-cv-title\"><a href=\"https:\/\/www.dmsjuridica.com\/buscador_20179478954\/corteconstitucionalcronologico202454587\/t-1081-01\/\" class=\"_self\" target=\"_self\" >T-1081-01<\/a><\/h4>\n<div class=\"pt-cv-content\">\u00a0 \u00a0 Sentencia T-1081\/01 \u00a0 DERECHO A LA SALUD-Conexidad con la vida \u00a0 ACCION DE TUTELA-Protecci\u00f3n preventiva y no solo en casos de gravedad \u00a0 DERECHO A LA SALUD DEL ADULTO MAYOR-Fundamental aut\u00f3nomo\/DERECHO A LA SALUD DE PERSONA DE LA TERCERA EDAD-Fundamental aut\u00f3nomo \u00a0 El derecho a la salud de los adultos mayores es un derecho fundamental aut\u00f3nomo, dadas las caracter\u00edsticas de especial vulnerabilidad de este grupo poblacional y su particular conexidad con el derecho a la vida y a la dignidad humana. \u00a0 DERECHO A LA SALUD-Pr\u00e1ctica de cirug\u00eda de cataratas \u00a0 DERECHO A LA VIDA DIGNA-Pr\u00e1ctica de cirug\u00eda ...<br \/><div class=\"pt-cv-rmwrap\"><a href=\"https:\/\/www.dmsjuridica.com\/buscador_20179478954\/corteconstitucionalcronologico202454587\/t-1081-01\/\" class=\"_self pt-cv-readmore btn btn-success\" target=\"_self\">Ver Sentencia Completa...<\/a><\/div><\/div><\/div><\/div>\n<div class=\"col-md-12 col-sm-12 col-xs-12 pt-cv-content-item pt-cv-1-col\" ><div class='pt-cv-ifield'><a href=\"https:\/\/www.dmsjuridica.com\/buscador_20179478954\/corteconstitucionalcronologico202454587\/t-1080-01\/\" class=\"_self pt-cv-href-thumbnail pt-cv-thumb-default\" target=\"_self\" ><\/a>\n<div class=\"pt-cv-taxoterm above_title\"><a href='https:\/\/www.dmsjuridica.com\/buscador_20179478954\/corteconstitucionalcronologico202454587\/category\/buscar-en-toda-la-corte\/2001\/tutelas-2001\/' title='Tutelas 2001' class='pt-cv-tax-tutelas-2001'>Tutelas 2001<\/a><\/div>\n<h4 class=\"pt-cv-title\"><a href=\"https:\/\/www.dmsjuridica.com\/buscador_20179478954\/corteconstitucionalcronologico202454587\/t-1080-01\/\" class=\"_self\" target=\"_self\" >T-1080-01<\/a><\/h4>\n<div class=\"pt-cv-content\">\u00a0 \u00a0 Sentencia T-1080\/01 \u00a0 ACCION DE TUTELA-Improcedencia pago de honorarios derivados de contrato de prestaci\u00f3n de servicios \u00a0 DERECHO AL MINIMO VITAL DEL TRABAJADOR-Ausencia prolongada en pago de salarios \u00a0 ACCION DE TUTELA-Procedencia pago de sumas mensuales adeudadas \u00a0por honorarios a celador\/DERECHO AL MINIMO VITAL DEL TRABAJADOR-Pago de sumas mensuales adeudadas por honorarios a celador \u00a0 PRINCIPIO DE LA CONFIANZA LEGITIMA DEL ADMINISTRADO CON LA ADMINISTRACION-Alcance \u00a0 Es evidente que tal como est\u00e1 estructurado, en general, el manejo de la administraci\u00f3n p\u00fablica en el pa\u00eds, no es la persona que ha sido contratada para desempe\u00f1ar una labor como la ...<br \/><div class=\"pt-cv-rmwrap\"><a href=\"https:\/\/www.dmsjuridica.com\/buscador_20179478954\/corteconstitucionalcronologico202454587\/t-1080-01\/\" class=\"_self pt-cv-readmore btn btn-success\" target=\"_self\">Ver Sentencia Completa...<\/a><\/div><\/div><\/div><\/div>\n<div class=\"col-md-12 col-sm-12 col-xs-12 pt-cv-content-item pt-cv-1-col\" ><div class='pt-cv-ifield'><a href=\"https:\/\/www.dmsjuridica.com\/buscador_20179478954\/corteconstitucionalcronologico202454587\/t-108-01\/\" class=\"_self pt-cv-href-thumbnail pt-cv-thumb-default\" target=\"_self\" ><\/a>\n<div class=\"pt-cv-taxoterm above_title\"><a href='https:\/\/www.dmsjuridica.com\/buscador_20179478954\/corteconstitucionalcronologico202454587\/category\/buscar-en-toda-la-corte\/2001\/tutelas-2001\/' title='Tutelas 2001' class='pt-cv-tax-tutelas-2001'>Tutelas 2001<\/a><\/div>\n<h4 class=\"pt-cv-title\"><a href=\"https:\/\/www.dmsjuridica.com\/buscador_20179478954\/corteconstitucionalcronologico202454587\/t-108-01\/\" class=\"_self\" target=\"_self\" >T-108-01<\/a><\/h4>\n<div class=\"pt-cv-content\">\u00a0 \u00a0 Sentencia T-108\/01 \u00a0 DERECHO A LA EDUCACION-Garant\u00eda estatal de acceso \u00a0 DERECHO A LA EDUCACION-Obligatoria prestaci\u00f3n hasta los dieciocho a\u00f1os \u00a0 PROCESO EDUCATIVO-Edad como factor relevante \u00a0 SISTEMA EDUCATIVO-Deficiencias en su cobertura \u00a0 Es innegable que el sistema educativo nacional sigue presentando deficiencias, especialmente en cuanto a su cobertura, pues se ha registrado que un porcentaje de la poblaci\u00f3n, por diferentes motivos, no ingresan al sistema educativo en la edad escolar, raz\u00f3n por la que llegan a la edad adulta sin haber adquirido los conocimientos que se imparten en la escuela. Ello se demuestra, entre otros, en los ...<br \/><div class=\"pt-cv-rmwrap\"><a href=\"https:\/\/www.dmsjuridica.com\/buscador_20179478954\/corteconstitucionalcronologico202454587\/t-108-01\/\" class=\"_self pt-cv-readmore btn btn-success\" target=\"_self\">Ver Sentencia Completa...<\/a><\/div><\/div><\/div><\/div>\n<div class=\"col-md-12 col-sm-12 col-xs-12 pt-cv-content-item pt-cv-1-col\" ><div class='pt-cv-ifield'><a href=\"https:\/\/www.dmsjuridica.com\/buscador_20179478954\/corteconstitucionalcronologico202454587\/t-1079-01\/\" class=\"_self pt-cv-href-thumbnail pt-cv-thumb-default\" target=\"_self\" ><\/a>\n<div class=\"pt-cv-taxoterm above_title\"><a href='https:\/\/www.dmsjuridica.com\/buscador_20179478954\/corteconstitucionalcronologico202454587\/category\/buscar-en-toda-la-corte\/2001\/tutelas-2001\/' title='Tutelas 2001' class='pt-cv-tax-tutelas-2001'>Tutelas 2001<\/a><\/div>\n<h4 class=\"pt-cv-title\"><a href=\"https:\/\/www.dmsjuridica.com\/buscador_20179478954\/corteconstitucionalcronologico202454587\/t-1079-01\/\" class=\"_self\" target=\"_self\" >T-1079-01<\/a><\/h4>\n<div class=\"pt-cv-content\">\u00a0 \u00a0 Sentencia T-1079\/01 \u00a0 DERECHO A LA SALUD-Improcedencia de pr\u00e1ctica de cirug\u00eda en otra ciudad \u00a0 En relaci\u00f3n con el caso concreto, vemos que si bien en principio existe la necesidad de la prestaci\u00f3n de un servicio m\u00e9dico, \u00e9ste en ning\u00fan momento ha sido negado. Por el contrario, la entidad en procura del bienestar de la demandante, propone que la intervenci\u00f3n quir\u00fargica sea practicada en la ciudad de Barranquilla, al considerar que esa ciudad cuenta con equipos especializados y m\u00e9dicos id\u00f3neos que evitar\u00e1n posibles complicaciones. Debe entenderse entonces, que la decisi\u00f3n de realizar una intervenci\u00f3n quir\u00fargica en una u ...<br \/><div class=\"pt-cv-rmwrap\"><a href=\"https:\/\/www.dmsjuridica.com\/buscador_20179478954\/corteconstitucionalcronologico202454587\/t-1079-01\/\" class=\"_self pt-cv-readmore btn btn-success\" target=\"_self\">Ver Sentencia Completa...<\/a><\/div><\/div><\/div><\/div>\n<div class=\"col-md-12 col-sm-12 col-xs-12 pt-cv-content-item pt-cv-1-col\" ><div class='pt-cv-ifield'><a href=\"https:\/\/www.dmsjuridica.com\/buscador_20179478954\/corteconstitucionalcronologico202454587\/t-1078-01\/\" class=\"_self pt-cv-href-thumbnail pt-cv-thumb-default\" target=\"_self\" ><\/a>\n<div class=\"pt-cv-taxoterm above_title\"><a href='https:\/\/www.dmsjuridica.com\/buscador_20179478954\/corteconstitucionalcronologico202454587\/category\/buscar-en-toda-la-corte\/2001\/tutelas-2001\/' title='Tutelas 2001' class='pt-cv-tax-tutelas-2001'>Tutelas 2001<\/a><\/div>\n<h4 class=\"pt-cv-title\"><a href=\"https:\/\/www.dmsjuridica.com\/buscador_20179478954\/corteconstitucionalcronologico202454587\/t-1078-01\/\" class=\"_self\" target=\"_self\" >T-1078-01<\/a><\/h4>\n<div class=\"pt-cv-content\">\u00a0 \u00a0 Sentencia T-1078\/01 \u00a0 REGISTRADURIA NACIONAL DEL ESTADO CIVIL-Eficiente prestaci\u00f3n del servicio p\u00fablico de cedulaci\u00f3n \u00a0 La Constituci\u00f3n en su art\u00edculo 120 ha asignado a la Registradur\u00eda Nacional del Estado Civil, la funci\u00f3n relativa a la identidad de las personas, por lo tanto, debe responder por la eficiente prestaci\u00f3n del servicio p\u00fablico a cargo del Estado de cedular a los ciudadanos en cumplimiento de los cometidos estatales y a fin de asegurar la efectividad de los derechos de los ciudadanos a tener una identidad, para que puedan ejercer sus derechos civiles y pol\u00edticos.\u00a0 \u00a0 DERECHO DE PETICION-Alcance \u00a0 DERECHO ...<br \/><div class=\"pt-cv-rmwrap\"><a href=\"https:\/\/www.dmsjuridica.com\/buscador_20179478954\/corteconstitucionalcronologico202454587\/t-1078-01\/\" class=\"_self pt-cv-readmore btn btn-success\" target=\"_self\">Ver Sentencia Completa...<\/a><\/div><\/div><\/div><\/div>\n<div class=\"col-md-12 col-sm-12 col-xs-12 pt-cv-content-item pt-cv-1-col\" ><div class='pt-cv-ifield'><a href=\"https:\/\/www.dmsjuridica.com\/buscador_20179478954\/corteconstitucionalcronologico202454587\/t-1077-01\/\" class=\"_self pt-cv-href-thumbnail pt-cv-thumb-default\" target=\"_self\" ><\/a>\n<div class=\"pt-cv-taxoterm above_title\"><a href='https:\/\/www.dmsjuridica.com\/buscador_20179478954\/corteconstitucionalcronologico202454587\/category\/buscar-en-toda-la-corte\/2001\/tutelas-2001\/' title='Tutelas 2001' class='pt-cv-tax-tutelas-2001'>Tutelas 2001<\/a><\/div>\n<h4 class=\"pt-cv-title\"><a href=\"https:\/\/www.dmsjuridica.com\/buscador_20179478954\/corteconstitucionalcronologico202454587\/t-1077-01\/\" class=\"_self\" target=\"_self\" >T-1077-01<\/a><\/h4>\n<div class=\"pt-cv-content\">\u00a0 \u00a0 Sentencia T-1077\/01 \u00a0 JURISPRUDENCIA DE TUTELA-Inadecuada aplicaci\u00f3n \u00a0 A pesar de hacer una construcci\u00f3n l\u00f3gica completa, no siempre se est\u00e1 haciendo eco a la aplicaci\u00f3n de la jurisprudencia de la Corte Constitucional, al no tener en cuenta los supuestos de hecho que comprendieron la decisi\u00f3n que se toma como base y tomar las argumentaciones de manera fraccionada. Sin pretender agotar el tema de los complejos procesos cognocitivos que conlleva la estructuraci\u00f3n de una decisi\u00f3n judicial, simplemente se llama la atenci\u00f3n en este caso, en el cual se abord\u00f3 la jurisprudencia \u00a0de la Corte de una manera equivocada y ...<br \/><div class=\"pt-cv-rmwrap\"><a href=\"https:\/\/www.dmsjuridica.com\/buscador_20179478954\/corteconstitucionalcronologico202454587\/t-1077-01\/\" class=\"_self pt-cv-readmore btn btn-success\" target=\"_self\">Ver Sentencia Completa...<\/a><\/div><\/div><\/div><\/div>\n<div class=\"col-md-12 col-sm-12 col-xs-12 pt-cv-content-item pt-cv-1-col\" ><div class='pt-cv-ifield'><a href=\"https:\/\/www.dmsjuridica.com\/buscador_20179478954\/corteconstitucionalcronologico202454587\/t-1076-01\/\" class=\"_self pt-cv-href-thumbnail pt-cv-thumb-default\" target=\"_self\" ><\/a>\n<div class=\"pt-cv-taxoterm above_title\"><a href='https:\/\/www.dmsjuridica.com\/buscador_20179478954\/corteconstitucionalcronologico202454587\/category\/buscar-en-toda-la-corte\/2001\/tutelas-2001\/' title='Tutelas 2001' class='pt-cv-tax-tutelas-2001'>Tutelas 2001<\/a><\/div>\n<h4 class=\"pt-cv-title\"><a href=\"https:\/\/www.dmsjuridica.com\/buscador_20179478954\/corteconstitucionalcronologico202454587\/t-1076-01\/\" class=\"_self\" target=\"_self\" >T-1076-01<\/a><\/h4>\n<div class=\"pt-cv-content\">\u00a0 \u00a0 Sentencia T-1076\/01 \u00a0 DERECHO DE PETICION FRENTE AL SILENCIO ADMINISTRATIVO NEGATIVO-Deber de resolver la solicitud\/SILENCIO ADMINISTRATIVO NEGATIVO-No subsana violaci\u00f3n del derecho de petici\u00f3n \u00a0 DERECHO DE PETICION EN VIA GUBERNATIVA-Resoluci\u00f3n oportuna de recursos \u00a0 DERECHO DE PETICION FRENTE AL SILENCIO ADMINISTRATIVO NEGATIVO-Resoluci\u00f3n oportuna de recurso de apelaci\u00f3n \u00a0 SERVIDOR PUBLICO-Falta disciplinaria por no resoluci\u00f3n oportuna de peticiones \u00a0 Referencia: expediente T-475053 \u00a0 Acci\u00f3n de tutela instaurada por Mar\u00eda del Socorro Mart\u00ednez Genes contra la Caja Nacional de Previsi\u00f3n Social \u2013CAJANAL-. \u00a0 Magistrado Ponente: \u00a0 Dr. JAIME ARAUJO RENTERIA \u00a0 Bogot\u00e1, D.C., a los once (11) d\u00edas del mes ...<br \/><div class=\"pt-cv-rmwrap\"><a href=\"https:\/\/www.dmsjuridica.com\/buscador_20179478954\/corteconstitucionalcronologico202454587\/t-1076-01\/\" class=\"_self pt-cv-readmore btn btn-success\" target=\"_self\">Ver Sentencia Completa...<\/a><\/div><\/div><\/div><\/div>\n<div class=\"col-md-12 col-sm-12 col-xs-12 pt-cv-content-item pt-cv-1-col\" ><div class='pt-cv-ifield'><a href=\"https:\/\/www.dmsjuridica.com\/buscador_20179478954\/corteconstitucionalcronologico202454587\/t-1075-01\/\" class=\"_self pt-cv-href-thumbnail pt-cv-thumb-default\" target=\"_self\" ><\/a>\n<div class=\"pt-cv-taxoterm above_title\"><a href='https:\/\/www.dmsjuridica.com\/buscador_20179478954\/corteconstitucionalcronologico202454587\/category\/buscar-en-toda-la-corte\/2001\/tutelas-2001\/' title='Tutelas 2001' class='pt-cv-tax-tutelas-2001'>Tutelas 2001<\/a><\/div>\n<h4 class=\"pt-cv-title\"><a href=\"https:\/\/www.dmsjuridica.com\/buscador_20179478954\/corteconstitucionalcronologico202454587\/t-1075-01\/\" class=\"_self\" target=\"_self\" >T-1075-01<\/a><\/h4>\n<div class=\"pt-cv-content\">\u00a0 \u00a0 Sentencia T-1075\/01 \u00a0 DERECHOS FUNDAMENTALES DEL NI\u00d1O-Prevalencia \u00a0 DERECHOS DEL NI\u00d1O-Protecci\u00f3n constitucional especial \u00a0 DERECHO A LA SALUD DEL NI\u00d1O-Inexistencia de amenaza o vulneraci\u00f3n\/ACCION DE TUTELA-No es el medio para prevenir hechos futuros e inciertos \u00a0 A pesar de que los derechos a la salud y a la seguridad social de los ni\u00f1os son de aplicaci\u00f3n inmediata, \u00a0pudiendo acudir en busca de protecci\u00f3n directa mediante el mecanismo de tutela, se requiere que la solicitud de amparo se refiera a una amenaza o vulneraci\u00f3n cierta y determinada de la misma. La mera expresi\u00f3n de sus temores sobre las probabilidades ...<br \/><div class=\"pt-cv-rmwrap\"><a href=\"https:\/\/www.dmsjuridica.com\/buscador_20179478954\/corteconstitucionalcronologico202454587\/t-1075-01\/\" class=\"_self pt-cv-readmore btn btn-success\" target=\"_self\">Ver Sentencia Completa...<\/a><\/div><\/div><\/div><\/div>\n<div class=\"col-md-12 col-sm-12 col-xs-12 pt-cv-content-item pt-cv-1-col\" ><div class='pt-cv-ifield'><a href=\"https:\/\/www.dmsjuridica.com\/buscador_20179478954\/corteconstitucionalcronologico202454587\/t-1074-01\/\" class=\"_self pt-cv-href-thumbnail pt-cv-thumb-default\" target=\"_self\" ><\/a>\n<div class=\"pt-cv-taxoterm above_title\"><a href='https:\/\/www.dmsjuridica.com\/buscador_20179478954\/corteconstitucionalcronologico202454587\/category\/buscar-en-toda-la-corte\/2001\/tutelas-2001\/' title='Tutelas 2001' class='pt-cv-tax-tutelas-2001'>Tutelas 2001<\/a><\/div>\n<h4 class=\"pt-cv-title\"><a href=\"https:\/\/www.dmsjuridica.com\/buscador_20179478954\/corteconstitucionalcronologico202454587\/t-1074-01\/\" class=\"_self\" target=\"_self\" >T-1074-01<\/a><\/h4>\n<div class=\"pt-cv-content\">\u00a0 \u00a0 Sentencia T-1074\/01\u00a0 \u00a0 INTEGRACION DEL CONTRADICTORIO \u00a0 La Sala de Revisi\u00f3n en el presente caso debe reiterar la doctrina constitucional acerca de las consecuencias procesales por indebida o no conformaci\u00f3n del leg\u00edtimo contradictorio. En particular y por ser aplicable al caso concreto, se reitera \u00a0que cuando se da la hip\u00f3tesis consistente en la inicial vinculaci\u00f3n al proceso de alguien que s\u00ed est\u00e1 involucrado real o aparentemente en los hechos, pero sin que a la vez aparezca demandado otro ente que, por su actividad, su funci\u00f3n o sus actos, ha debido serlo, esto es, que la demanda ha debido ...<br \/><div class=\"pt-cv-rmwrap\"><a href=\"https:\/\/www.dmsjuridica.com\/buscador_20179478954\/corteconstitucionalcronologico202454587\/t-1074-01\/\" class=\"_self pt-cv-readmore btn btn-success\" target=\"_self\">Ver Sentencia Completa...<\/a><\/div><\/div><\/div><\/div>\n<div class=\"col-md-12 col-sm-12 col-xs-12 pt-cv-content-item pt-cv-1-col\" ><div class='pt-cv-ifield'><a href=\"https:\/\/www.dmsjuridica.com\/buscador_20179478954\/corteconstitucionalcronologico202454587\/t-1073-01\/\" class=\"_self pt-cv-href-thumbnail pt-cv-thumb-default\" target=\"_self\" ><\/a>\n<div class=\"pt-cv-taxoterm above_title\"><a href='https:\/\/www.dmsjuridica.com\/buscador_20179478954\/corteconstitucionalcronologico202454587\/category\/buscar-en-toda-la-corte\/2001\/tutelas-2001\/' title='Tutelas 2001' class='pt-cv-tax-tutelas-2001'>Tutelas 2001<\/a><\/div>\n<h4 class=\"pt-cv-title\"><a href=\"https:\/\/www.dmsjuridica.com\/buscador_20179478954\/corteconstitucionalcronologico202454587\/t-1073-01\/\" class=\"_self\" target=\"_self\" >T-1073-01<\/a><\/h4>\n<div class=\"pt-cv-content\">\u00a0 \u00a0 Sentencia T-1073\/01 \u00a0 DERECHO DE PETICION Y DERECHO A LO PEDIDO-Diferencias \u00a0 DERECHO DE PETICION EN CESANTIAS PARCIALES-Pronta resoluci\u00f3n y decisi\u00f3n de fondo \u00a0 CESANTIAS PARCIALES-Reconocimiento no sujeto a disponibilidad presupuestal \u00a0 FIDUCIARIA LA PREVISORA-Respuesta sobre solicitud de cesant\u00edas parciales \u00a0 DERECHO A LA VIVIENDA DIGNA-Car\u00e1cter prestacional \u00a0 Referencia: expediente T-472574. Acci\u00f3n de tutela promovida por Cenelia Hern\u00e1ndez contra el Fondo Nacional de Prestaciones Sociales del Magisterio y la Fiduciaria la Previsora S. A.\u00a0 \u00a0 Magistrada Ponente: \u00a0 Dra. CLARA IN\u00c9S VARGAS HERN\u00c1NDEZ \u00a0 Bogot\u00e1, \u00a0D. C., once (11) de octubre de dos mil uno (2001). \u00a0 La ...<br \/><div class=\"pt-cv-rmwrap\"><a href=\"https:\/\/www.dmsjuridica.com\/buscador_20179478954\/corteconstitucionalcronologico202454587\/t-1073-01\/\" class=\"_self pt-cv-readmore btn btn-success\" target=\"_self\">Ver Sentencia Completa...<\/a><\/div><\/div><\/div><\/div>\n<div class=\"col-md-12 col-sm-12 col-xs-12 pt-cv-content-item pt-cv-1-col\" ><div class='pt-cv-ifield'><a href=\"https:\/\/www.dmsjuridica.com\/buscador_20179478954\/corteconstitucionalcronologico202454587\/t-1072-01\/\" class=\"_self pt-cv-href-thumbnail pt-cv-thumb-default\" target=\"_self\" ><\/a>\n<div class=\"pt-cv-taxoterm above_title\"><a href='https:\/\/www.dmsjuridica.com\/buscador_20179478954\/corteconstitucionalcronologico202454587\/category\/buscar-en-toda-la-corte\/2001\/tutelas-2001\/' title='Tutelas 2001' class='pt-cv-tax-tutelas-2001'>Tutelas 2001<\/a><\/div>\n<h4 class=\"pt-cv-title\"><a href=\"https:\/\/www.dmsjuridica.com\/buscador_20179478954\/corteconstitucionalcronologico202454587\/t-1072-01\/\" class=\"_self\" target=\"_self\" >T-1072-01<\/a><\/h4>\n<div class=\"pt-cv-content\">\u00a0 \u00a0 Sentencia T-1072\/01 \u00a0 ACCION DE TUTELA-Procedencia excepcional pago de mesadas pensionales \u00a0 DERECHO AL MINIMO VITAL DEL PENSIONADO-Pago oportuno de mesadas\/EMPLEADOR-Situaci\u00f3n econ\u00f3mica o presupuestal no es \u00f3bice para desconocer pago de mesadas pensionales \u00a0 Referencia: expediente T-472623. Acci\u00f3n de tutela promovida por Concepci\u00f3n Molano de Narv\u00e1ez contra el Hospital Universitario San Jos\u00e9 de Popay\u00e1n, Cauca.\u00a0 \u00a0 Magistrada Ponente: \u00a0 Dra. CLARA IN\u00c9S VARGAS HERN\u00c1NDEZ \u00a0 Bogot\u00e1, \u00a0D. C., once (11) de octubre de dos mil uno (2001). \u00a0 La Sala Novena de Revisi\u00f3n de Tutelas de la Corte Constitucional, integrada por los Magistrados CLARA IN\u00c9S VARGAS HERN\u00c1NDEZ, JAIME ...<br \/><div class=\"pt-cv-rmwrap\"><a href=\"https:\/\/www.dmsjuridica.com\/buscador_20179478954\/corteconstitucionalcronologico202454587\/t-1072-01\/\" class=\"_self pt-cv-readmore btn btn-success\" target=\"_self\">Ver Sentencia Completa...<\/a><\/div><\/div><\/div><\/div>\n<div class=\"col-md-12 col-sm-12 col-xs-12 pt-cv-content-item pt-cv-1-col\" ><div class='pt-cv-ifield'><a href=\"https:\/\/www.dmsjuridica.com\/buscador_20179478954\/corteconstitucionalcronologico202454587\/t-1071-01\/\" class=\"_self pt-cv-href-thumbnail pt-cv-thumb-default\" target=\"_self\" ><\/a>\n<div class=\"pt-cv-taxoterm above_title\"><a href='https:\/\/www.dmsjuridica.com\/buscador_20179478954\/corteconstitucionalcronologico202454587\/category\/buscar-en-toda-la-corte\/2001\/tutelas-2001\/' title='Tutelas 2001' class='pt-cv-tax-tutelas-2001'>Tutelas 2001<\/a><\/div>\n<h4 class=\"pt-cv-title\"><a href=\"https:\/\/www.dmsjuridica.com\/buscador_20179478954\/corteconstitucionalcronologico202454587\/t-1071-01\/\" class=\"_self\" target=\"_self\" >T-1071-01<\/a><\/h4>\n<div class=\"pt-cv-content\">\u00a0 \u00a0 Sentencia T-1071\/01 \u00a0 DERECHO A LA SALUD-Fundamental por conexidad \u00a0 PRINCIPIO DE CONTINUIDAD EN LOS SERVICIOS PUBLICOS-Alcance \u00a0 DERECHO A LA SALUD-Pr\u00e1ctica de examen o procedimiento cl\u00ednico no urgente \u00a0 ENTIDAD PRESTADORA DEL SERVICIO DE SALUD-La no urgencia en el tratamiento no es excusa para dilatar su realizaci\u00f3n \u00a0 DERECHO A LA SALUD DEL NI\u00d1O-Pr\u00e1ctica de terapias ocupacionales\/DERECHO A LA INTEGRIDAD FISICA Y PSIQUICA DEL NI\u00d1O-Pr\u00e1ctica de terapias ocupacionales \u00a0 La necesidad del tratamiento para pretender solucionar los quebrantos en la salud del menor, se evidencia del hecho mismo de que su m\u00e9dico tratante orden\u00f3 la pr\u00e1ctica de ...<br \/><div class=\"pt-cv-rmwrap\"><a href=\"https:\/\/www.dmsjuridica.com\/buscador_20179478954\/corteconstitucionalcronologico202454587\/t-1071-01\/\" class=\"_self pt-cv-readmore btn btn-success\" target=\"_self\">Ver Sentencia Completa...<\/a><\/div><\/div><\/div><\/div>\n<div class=\"col-md-12 col-sm-12 col-xs-12 pt-cv-content-item pt-cv-1-col\" ><div class='pt-cv-ifield'><a href=\"https:\/\/www.dmsjuridica.com\/buscador_20179478954\/corteconstitucionalcronologico202454587\/t-1070-01\/\" class=\"_self pt-cv-href-thumbnail pt-cv-thumb-default\" target=\"_self\" ><\/a>\n<div class=\"pt-cv-taxoterm above_title\"><a href='https:\/\/www.dmsjuridica.com\/buscador_20179478954\/corteconstitucionalcronologico202454587\/category\/buscar-en-toda-la-corte\/2001\/tutelas-2001\/' title='Tutelas 2001' class='pt-cv-tax-tutelas-2001'>Tutelas 2001<\/a><\/div>\n<h4 class=\"pt-cv-title\"><a href=\"https:\/\/www.dmsjuridica.com\/buscador_20179478954\/corteconstitucionalcronologico202454587\/t-1070-01\/\" class=\"_self\" target=\"_self\" >T-1070-01<\/a><\/h4>\n<div class=\"pt-cv-content\">\u00a0 \u00a0 Sentencia T-1070\/01 \u00a0 DERECHO A LA ESTABILIDAD LABORAL REFORZADA DE MUJER EMBARAZADA-Protecci\u00f3n constitucional especial \u00a0 ACCION DE TUTELA TRANSITORIA DE MUJER EMBARAZADA-Elementos f\u00e1cticos que deben demostrarse \u00a0 MUJER TRABAJADORA EMBARAZADA-Hecho notorio \u00a0 ACCION DE TUTELA TRANSITORIA DE MUJER EMBARAZADA-Elementos que destacan la existencia de una relaci\u00f3n de trabajo \u00a0 ACCION DE TUTELA TRANSITORIA DE MUJER EMBARAZADA-Reintegro a la actividad de manicurista \u00a0 Referencia: expediente T-471002\u00a0 \u00a0 Acci\u00f3n de tutela instaurada por Olga Cecilia Olivares Lascano contra la Sala de Belleza Ruluz. \u00a0 \u00a0 \u00a0 Magistrado Ponente: \u00a0 Dr. JAIME C\u00d3RDOBA TRIVI\u00d1O \u00a0 Bogot\u00e1, D.C., \u00a0once (11) de octubre ...<br \/><div class=\"pt-cv-rmwrap\"><a href=\"https:\/\/www.dmsjuridica.com\/buscador_20179478954\/corteconstitucionalcronologico202454587\/t-1070-01\/\" class=\"_self pt-cv-readmore btn btn-success\" target=\"_self\">Ver Sentencia Completa...<\/a><\/div><\/div><\/div><\/div>\n<div class=\"col-md-12 col-sm-12 col-xs-12 pt-cv-content-item pt-cv-1-col\" ><div class='pt-cv-ifield'><a href=\"https:\/\/www.dmsjuridica.com\/buscador_20179478954\/corteconstitucionalcronologico202454587\/t-107-01\/\" class=\"_self pt-cv-href-thumbnail pt-cv-thumb-default\" target=\"_self\" ><\/a>\n<div class=\"pt-cv-taxoterm above_title\"><a href='https:\/\/www.dmsjuridica.com\/buscador_20179478954\/corteconstitucionalcronologico202454587\/category\/buscar-en-toda-la-corte\/2001\/tutelas-2001\/' title='Tutelas 2001' class='pt-cv-tax-tutelas-2001'>Tutelas 2001<\/a><\/div>\n<h4 class=\"pt-cv-title\"><a href=\"https:\/\/www.dmsjuridica.com\/buscador_20179478954\/corteconstitucionalcronologico202454587\/t-107-01\/\" class=\"_self\" target=\"_self\" >T-107-01<\/a><\/h4>\n<div class=\"pt-cv-content\">\u00a0 \u00a0 Sentencia T-107\/01 \u00a0 JUNTA ADMINISTRADORA DE CONJUNTO RESIDENCIAL-Cobros extraprocesales \u00a0 ADMINISTRACION DE PROPIEDAD HORIZONTAL-Suspensi\u00f3n de servicios siempre y cuando no se afecten necesidades vitales \u00a0 Ante la mora en el pago de las expensas obligatorias, la copropiedad puede suspender los servicios que presta directamente, siempre y cuando no afecte las necesidades vitales de existencia de sus habitantes, pues \u201cese espacio donde el hombre requiere de los dem\u00e1s para proteger necesidades vitales, no puede ser anulado por el grupo social ni puede tomar medidas que nieguen las posibilidades de existencia que el individuo no puede asegurarse por s\u00ed mismo\u201d ...<br \/><div class=\"pt-cv-rmwrap\"><a href=\"https:\/\/www.dmsjuridica.com\/buscador_20179478954\/corteconstitucionalcronologico202454587\/t-107-01\/\" class=\"_self pt-cv-readmore btn btn-success\" target=\"_self\">Ver Sentencia Completa...<\/a><\/div><\/div><\/div><\/div>\n<div class=\"col-md-12 col-sm-12 col-xs-12 pt-cv-content-item pt-cv-1-col\" ><div class='pt-cv-ifield'><a href=\"https:\/\/www.dmsjuridica.com\/buscador_20179478954\/corteconstitucionalcronologico202454587\/t-1063-01\/\" class=\"_self pt-cv-href-thumbnail pt-cv-thumb-default\" target=\"_self\" ><\/a>\n<div class=\"pt-cv-taxoterm above_title\"><a href='https:\/\/www.dmsjuridica.com\/buscador_20179478954\/corteconstitucionalcronologico202454587\/category\/buscar-en-toda-la-corte\/2001\/tutelas-2001\/' title='Tutelas 2001' class='pt-cv-tax-tutelas-2001'>Tutelas 2001<\/a><\/div>\n<h4 class=\"pt-cv-title\"><a href=\"https:\/\/www.dmsjuridica.com\/buscador_20179478954\/corteconstitucionalcronologico202454587\/t-1063-01\/\" class=\"_self\" target=\"_self\" >T-1063-01<\/a><\/h4>\n<div class=\"pt-cv-content\">\u00a0 \u00a0 Sentencia T-1063\/01 \u00a0 DERECHO DE PETICION ANTE ENTIDADES PUBLICAS-Pronunciamiento siempre y cuando exista la solicitud formal \u00a0 Las entidades p\u00fablicas act\u00faan a trav\u00e9s de actuaciones administrativas, las cuales en ocasiones pueden ser iniciadas por los particulares de manera verbal o escrita, pero siempre debe existir la manifestaci\u00f3n de la persona para conseguir el cometido que pretende del Estado, pues de otra manera ser\u00eda imposible que se le inculcara a una entidad de esa naturaleza la vulneraci\u00f3n de derechos fundamentales como el de petici\u00f3n. Por ello, la Corte ha indicado en su jurisprudencia que el funcionario estatal desconoce el ...<br \/><div class=\"pt-cv-rmwrap\"><a href=\"https:\/\/www.dmsjuridica.com\/buscador_20179478954\/corteconstitucionalcronologico202454587\/t-1063-01\/\" class=\"_self pt-cv-readmore btn btn-success\" target=\"_self\">Ver Sentencia Completa...<\/a><\/div><\/div><\/div><\/div>\n<div class=\"col-md-12 col-sm-12 col-xs-12 pt-cv-content-item pt-cv-1-col\" ><div class='pt-cv-ifield'><a href=\"https:\/\/www.dmsjuridica.com\/buscador_20179478954\/corteconstitucionalcronologico202454587\/t-1062-01\/\" class=\"_self pt-cv-href-thumbnail pt-cv-thumb-default\" target=\"_self\" ><\/a>\n<div class=\"pt-cv-taxoterm above_title\"><a href='https:\/\/www.dmsjuridica.com\/buscador_20179478954\/corteconstitucionalcronologico202454587\/category\/buscar-en-toda-la-corte\/2001\/tutelas-2001\/' title='Tutelas 2001' class='pt-cv-tax-tutelas-2001'>Tutelas 2001<\/a><\/div>\n<h4 class=\"pt-cv-title\"><a href=\"https:\/\/www.dmsjuridica.com\/buscador_20179478954\/corteconstitucionalcronologico202454587\/t-1062-01\/\" class=\"_self\" target=\"_self\" >T-1062-01<\/a><\/h4>\n<div class=\"pt-cv-content\">\u00a0 \u00a0 Sentencia T-1062\/01 \u00a0 ACCION DE TUTELA CONTRA CONJUNTO RESIDENCIAL- Subordinaci\u00f3n\u00a0 \u00a0 La jurisprudencia de esta Corporaci\u00f3n tiene previsto que de ordinario una persona se encuentra en estado de subordinaci\u00f3n cuando debe acatar las decisiones que toman otros, sin poder rebatirlas y sin tener la posibilidad de entrar a discutirlas. Circunstancia que afecta a los accionantes, debido a que la decisi\u00f3n extraordinaria, tomada en la Asamblea de marzo 7 de 2000, en virtud de la cual se suscribi\u00f3 el contrato sobre las zonas comunes del Conjunto Residencial Port\u00f3n de San Carlos, para la instalaci\u00f3n de unas \u201cantenas\u201d y \u201cotros ...<br \/><div class=\"pt-cv-rmwrap\"><a href=\"https:\/\/www.dmsjuridica.com\/buscador_20179478954\/corteconstitucionalcronologico202454587\/t-1062-01\/\" class=\"_self pt-cv-readmore btn btn-success\" target=\"_self\">Ver Sentencia Completa...<\/a><\/div><\/div><\/div><\/div>\n<div class=\"col-md-12 col-sm-12 col-xs-12 pt-cv-content-item pt-cv-1-col\" ><div class='pt-cv-ifield'><a href=\"https:\/\/www.dmsjuridica.com\/buscador_20179478954\/corteconstitucionalcronologico202454587\/t-1061-01\/\" class=\"_self pt-cv-href-thumbnail pt-cv-thumb-default\" target=\"_self\" ><\/a>\n<div class=\"pt-cv-taxoterm above_title\"><a href='https:\/\/www.dmsjuridica.com\/buscador_20179478954\/corteconstitucionalcronologico202454587\/category\/buscar-en-toda-la-corte\/2001\/tutelas-2001\/' title='Tutelas 2001' class='pt-cv-tax-tutelas-2001'>Tutelas 2001<\/a><\/div>\n<h4 class=\"pt-cv-title\"><a href=\"https:\/\/www.dmsjuridica.com\/buscador_20179478954\/corteconstitucionalcronologico202454587\/t-1061-01\/\" class=\"_self\" target=\"_self\" >T-1061-01<\/a><\/h4>\n<div class=\"pt-cv-content\">\u00a0 \u00a0 Sentencia T-1061\/01 \u00a0 ACCION DE TUTELA CONTRA EMPRESA DE SERVICIOS PUBLICOS-Improcedencia por no ejercicio oportuno de recursos \u00a0 SERVICIOS PUBLICOS-Inaplicaciones sobre la calidad de vida\/ACCION DE TUTELA CONTRA EMPRESA DE SERVICIOS PUBLICOS-Procedencia en situaciones especiales para dirimir conflictos con usuarios \u00a0 Referencia: expediente T- 456194 \u00a0 Acci\u00f3n de tutela instaurada por Jairo Tapias Ospina contra CODENSA S.A. E.S.P. \u00a0 Magistrado Ponente:\u00a0 \u00a0 Dr. MANUEL JOS\u00c9 CEPEDA ESPINOSA \u00a0 Bogot\u00e1, D.C., Octubre cinco (5) de dos mil uno (2001) \u00a0 La Sala Tercera de Revisi\u00f3n de la Corte Constitucional, integrada por los magistrados, Manuel Jos\u00e9 Cepeda Espinosa, Jaime C\u00f3rdoba ...<br \/><div class=\"pt-cv-rmwrap\"><a href=\"https:\/\/www.dmsjuridica.com\/buscador_20179478954\/corteconstitucionalcronologico202454587\/t-1061-01\/\" class=\"_self pt-cv-readmore btn btn-success\" target=\"_self\">Ver Sentencia Completa...<\/a><\/div><\/div><\/div><\/div>\n<div class=\"col-md-12 col-sm-12 col-xs-12 pt-cv-content-item pt-cv-1-col\" ><div class='pt-cv-ifield'><a href=\"https:\/\/www.dmsjuridica.com\/buscador_20179478954\/corteconstitucionalcronologico202454587\/t-1060-01\/\" class=\"_self pt-cv-href-thumbnail pt-cv-thumb-default\" target=\"_self\" ><\/a>\n<div class=\"pt-cv-taxoterm above_title\"><a href='https:\/\/www.dmsjuridica.com\/buscador_20179478954\/corteconstitucionalcronologico202454587\/category\/buscar-en-toda-la-corte\/2001\/tutelas-2001\/' title='Tutelas 2001' class='pt-cv-tax-tutelas-2001'>Tutelas 2001<\/a><\/div>\n<h4 class=\"pt-cv-title\"><a href=\"https:\/\/www.dmsjuridica.com\/buscador_20179478954\/corteconstitucionalcronologico202454587\/t-1060-01\/\" class=\"_self\" target=\"_self\" >T-1060-01<\/a><\/h4>\n<div class=\"pt-cv-content\">\u00a0 \u00a0 Sentencia T-1060\/01 \u00a0 DERECHO AL MINIMO VITAL DEL PENSIONADO-Presunci\u00f3n de afectaci\u00f3n por no pago oportuno de mesadas \u00a0 ENTIDAD PUBLICA-Verificaci\u00f3n de rubro presupuestal para pago de salarios \u00a0 EMPLEADOR-Situaci\u00f3n econ\u00f3mica o presupuestal no es \u00f3bice para desconocer pago de mesadas pensionales\/DERECHO A LA SUBSISTENCIA DEL PENSIONADO-Pago oportuno de mesadas \u00a0 \u00a0 Reiteraci\u00f3n de Jurisprudencia \u00a0 Referencia: expedientes T-470572, T-470319, T-470573 y T-470320 \u00a0 Acciones de tutela instauradas por Fernando Fontalvo Algar\u00edn, Aura M\u00f3vil Vda de Molina, Agust\u00edn Antonio de la Cruz Marchena y Guzm\u00e1n Ventura Llano contra la Alcald\u00eda Distrital de Barranquilla, la Secretar\u00eda de Hacienda, el Fondo ...<br \/><div class=\"pt-cv-rmwrap\"><a href=\"https:\/\/www.dmsjuridica.com\/buscador_20179478954\/corteconstitucionalcronologico202454587\/t-1060-01\/\" class=\"_self pt-cv-readmore btn btn-success\" target=\"_self\">Ver Sentencia Completa...<\/a><\/div><\/div><\/div><\/div>\n<div class=\"col-md-12 col-sm-12 col-xs-12 pt-cv-content-item pt-cv-1-col\" ><div class='pt-cv-ifield'><a href=\"https:\/\/www.dmsjuridica.com\/buscador_20179478954\/corteconstitucionalcronologico202454587\/t-106-01\/\" class=\"_self pt-cv-href-thumbnail pt-cv-thumb-default\" target=\"_self\" ><\/a>\n<div class=\"pt-cv-taxoterm above_title\"><a href='https:\/\/www.dmsjuridica.com\/buscador_20179478954\/corteconstitucionalcronologico202454587\/category\/buscar-en-toda-la-corte\/2001\/tutelas-2001\/' title='Tutelas 2001' class='pt-cv-tax-tutelas-2001'>Tutelas 2001<\/a><\/div>\n<h4 class=\"pt-cv-title\"><a href=\"https:\/\/www.dmsjuridica.com\/buscador_20179478954\/corteconstitucionalcronologico202454587\/t-106-01\/\" class=\"_self\" target=\"_self\" >T-106-01<\/a><\/h4>\n<div class=\"pt-cv-content\">\u00a0 \u00a0 Sentencia T-106\/01 \u00a0 ACCION DE TUTELA-Procedencia excepcional pago de acreencias laborales \u00a0 DERECHO AL PAGO OPORTUNO DEL SALARIO-Fundamental \u00a0 DERECHO AL MINIMO VITAL DEL TRABAJADOR-Pago oportuno de salarios \u00a0 EMPLEADOR-Situaci\u00f3n econ\u00f3mica o presupuestal no es \u00f3bice para desconocer pago de salarios \u00a0 PARTIDA PRESUPUESTAL-Gesti\u00f3n y distribuci\u00f3n para pago oportuno de salarios \u00a0 Reiteraci\u00f3n de Jurisprudencia \u00a0 Referencia: expediente T- 350 563. \u00a0 Acci\u00f3n de tutela instaurada por Edgar \u00a0Mina Paz, Orlando Banguero Y Rubiela Agudelo Carabali contra El Alcalde, La Secretaria De Hacienda Y La Tesorera Del Municipio De Santander De Quilichao-Cauca. \u00a0 Magistrado ponente: \u00a0 Dr. FABIO ...<br \/><div class=\"pt-cv-rmwrap\"><a href=\"https:\/\/www.dmsjuridica.com\/buscador_20179478954\/corteconstitucionalcronologico202454587\/t-106-01\/\" class=\"_self pt-cv-readmore btn btn-success\" target=\"_self\">Ver Sentencia Completa...<\/a><\/div><\/div><\/div><\/div>\n<div class=\"col-md-12 col-sm-12 col-xs-12 pt-cv-content-item pt-cv-1-col\" ><div class='pt-cv-ifield'><a href=\"https:\/\/www.dmsjuridica.com\/buscador_20179478954\/corteconstitucionalcronologico202454587\/t-1059-01\/\" class=\"_self pt-cv-href-thumbnail pt-cv-thumb-default\" target=\"_self\" ><\/a>\n<div class=\"pt-cv-taxoterm above_title\"><a href='https:\/\/www.dmsjuridica.com\/buscador_20179478954\/corteconstitucionalcronologico202454587\/category\/buscar-en-toda-la-corte\/2001\/tutelas-2001\/' title='Tutelas 2001' class='pt-cv-tax-tutelas-2001'>Tutelas 2001<\/a><\/div>\n<h4 class=\"pt-cv-title\"><a href=\"https:\/\/www.dmsjuridica.com\/buscador_20179478954\/corteconstitucionalcronologico202454587\/t-1059-01\/\" class=\"_self\" target=\"_self\" >T-1059-01<\/a><\/h4>\n<div class=\"pt-cv-content\">\u00a0 \u00a0 Sentencia T-1059\/01 \u00a0 LIBERTAD DE ASOCIACION SINDICAL-Alcance \u00a0 HUELGA-Definici\u00f3n \u00a0 HUELGA-Declaratoria y desarrollo \u00a0 Para que proceda la huelga como funci\u00f3n propia de los sindicatos, en los servicios y actividades permitidas por la constituci\u00f3n y la ley, esta debe ser declarada conforme a la misma ley para lo cual se se\u00f1ala la forma, pasos y tr\u00e1mites que deben seguirse para su declaratoria y desarrollo. Los sindicatos de empleados p\u00fablicos no pueden presentar pliegos de peticiones, ni celebrar convenciones colectivas, pero los sindicatos de los dem\u00e1s trabajadores oficiales tienen todas las atribuciones de los otros sindicatos de trabajadores y ...<br \/><div class=\"pt-cv-rmwrap\"><a href=\"https:\/\/www.dmsjuridica.com\/buscador_20179478954\/corteconstitucionalcronologico202454587\/t-1059-01\/\" class=\"_self pt-cv-readmore btn btn-success\" target=\"_self\">Ver Sentencia Completa...<\/a><\/div><\/div><\/div><\/div>\n<div class=\"col-md-12 col-sm-12 col-xs-12 pt-cv-content-item pt-cv-1-col\" ><div class='pt-cv-ifield'><a href=\"https:\/\/www.dmsjuridica.com\/buscador_20179478954\/corteconstitucionalcronologico202454587\/t-1058-01\/\" class=\"_self pt-cv-href-thumbnail pt-cv-thumb-default\" target=\"_self\" ><\/a>\n<div class=\"pt-cv-taxoterm above_title\"><a href='https:\/\/www.dmsjuridica.com\/buscador_20179478954\/corteconstitucionalcronologico202454587\/category\/buscar-en-toda-la-corte\/2001\/tutelas-2001\/' title='Tutelas 2001' class='pt-cv-tax-tutelas-2001'>Tutelas 2001<\/a><\/div>\n<h4 class=\"pt-cv-title\"><a href=\"https:\/\/www.dmsjuridica.com\/buscador_20179478954\/corteconstitucionalcronologico202454587\/t-1058-01\/\" class=\"_self\" target=\"_self\" >T-1058-01<\/a><\/h4>\n<div class=\"pt-cv-content\">\u00a0 \u00a0 Sentencia T-1058\/01 \u00a0 SISTEMA DE SEGURIDAD SOCIAL EN SALUD-Obligaci\u00f3n de empleador de afiliar trabajadores y pagar aportes \u00a0 DERECHO A LA VIDA DIGNA-Alcance respecto de la salud\/DERECHO A LA SALUD-Protecci\u00f3n preventiva y no solamente en casos de gravedad\/DERECHO A LA VIDA DIGNA-Dolor \u00a0 EMPLEADOR-Omisi\u00f3n de afiliaci\u00f3n a EPS\/EMPLEADOR-Responsabilidad por no afiliaci\u00f3n de trabajadores al sistema general de salud \u00a0 \u00a0 \u00a0 \u00a0 Referencia: expediente T-468916 \u00a0 Acci\u00f3n de tutela interpuesta por Jorge Isaac Guti\u00e9rrez contra la Alcald\u00eda Municipal de Istmina (Choc\u00f3). \u00a0 Magistrado Ponente: \u00a0 Dr. JAIME ARAUJO RENTERIA \u00a0 Bogot\u00e1, D.C., cinco (5) de octubre de dos ...<br \/><div class=\"pt-cv-rmwrap\"><a href=\"https:\/\/www.dmsjuridica.com\/buscador_20179478954\/corteconstitucionalcronologico202454587\/t-1058-01\/\" class=\"_self pt-cv-readmore btn btn-success\" target=\"_self\">Ver Sentencia Completa...<\/a><\/div><\/div><\/div><\/div>\n<div class=\"col-md-12 col-sm-12 col-xs-12 pt-cv-content-item pt-cv-1-col\" ><div class='pt-cv-ifield'><a href=\"https:\/\/www.dmsjuridica.com\/buscador_20179478954\/corteconstitucionalcronologico202454587\/t-1057-01\/\" class=\"_self pt-cv-href-thumbnail pt-cv-thumb-default\" target=\"_self\" ><\/a>\n<div class=\"pt-cv-taxoterm above_title\"><a href='https:\/\/www.dmsjuridica.com\/buscador_20179478954\/corteconstitucionalcronologico202454587\/category\/buscar-en-toda-la-corte\/2001\/tutelas-2001\/' title='Tutelas 2001' class='pt-cv-tax-tutelas-2001'>Tutelas 2001<\/a><\/div>\n<h4 class=\"pt-cv-title\"><a href=\"https:\/\/www.dmsjuridica.com\/buscador_20179478954\/corteconstitucionalcronologico202454587\/t-1057-01\/\" class=\"_self\" target=\"_self\" >T-1057-01<\/a><\/h4>\n<div class=\"pt-cv-content\">\u00a0 \u00a0 Sentencia T-1057\/01 \u00a0 \u00a0 \u00a0 \u00a0 \u00a0 \u00a0 \u00a0 \u00a0 \u00a0 \u00a0 \u00a0 \u00a0 \u00a0 \u00a0 \u00a0 \u00a0 \u00a0 \u00a0 \u00a0 \u00a0 BONOS PENSIONALES-Demora en la emisi\u00f3n afecta derechos fundamentales\/VIA DE HECHO-Se niega pensi\u00f3n por demora en emisi\u00f3n del bono\u00a0 \u00a0 DERECHOS FUNDAMENTALES-Vulneraci\u00f3n por demora en emisi\u00f3n de bono pensional\/BONOS PENSIONALES-Demora en la emisi\u00f3n impide acceso a pensi\u00f3n de jubilaci\u00f3n\u00a0 \u00a0 Reiteraci\u00f3n de Jurisprudencia \u00a0 Referencia: expediente T- 497.455. \u00a0 Acci\u00f3n de tutela de Jos\u00e9 Miguel Villa Ortega contra el Instituto de Seguro Social, seccional Barranquilla. \u00a0 \u00a0 Procedencia: Consejo Seccional de la Judicatura del Atl\u00e1ntico, Sala Jurisdiccional ...<br \/><div class=\"pt-cv-rmwrap\"><a href=\"https:\/\/www.dmsjuridica.com\/buscador_20179478954\/corteconstitucionalcronologico202454587\/t-1057-01\/\" class=\"_self pt-cv-readmore btn btn-success\" target=\"_self\">Ver Sentencia Completa...<\/a><\/div><\/div><\/div><\/div>\n<div class=\"col-md-12 col-sm-12 col-xs-12 pt-cv-content-item pt-cv-1-col\" ><div class='pt-cv-ifield'><a href=\"https:\/\/www.dmsjuridica.com\/buscador_20179478954\/corteconstitucionalcronologico202454587\/t-1056-01\/\" class=\"_self pt-cv-href-thumbnail pt-cv-thumb-default\" target=\"_self\" ><\/a>\n<div class=\"pt-cv-taxoterm above_title\"><a href='https:\/\/www.dmsjuridica.com\/buscador_20179478954\/corteconstitucionalcronologico202454587\/category\/buscar-en-toda-la-corte\/2001\/tutelas-2001\/' title='Tutelas 2001' class='pt-cv-tax-tutelas-2001'>Tutelas 2001<\/a><\/div>\n<h4 class=\"pt-cv-title\"><a href=\"https:\/\/www.dmsjuridica.com\/buscador_20179478954\/corteconstitucionalcronologico202454587\/t-1056-01\/\" class=\"_self\" target=\"_self\" >T-1056-01<\/a><\/h4>\n<div class=\"pt-cv-content\">\u00a0 \u00a0 Sentencia T-1056\/01 \u00a0 DERECHO A LA VIDA DIGNA-Suministro de medicamentos excluidos del POS\/ENTIDAD PROMOTORA DE SALUD-Deber de suministrar tratamiento y medicamentos a enfermos de sida\/ENTIDAD PROMOTORA DE SALUD-Repetici\u00f3n contra el FOSYGA \u00a0 DERECHO A LA SALUD DEL ENFERMO DE SIDA-Realizaci\u00f3n examen de carga viral\/DERECHO A LA SALUD DEL ENFERMO DE SIDA-Examen de carga viral fundamental para tratamiento del sida\/DERECHO A LA SALUD-Conexidad con la vida \u00a0 JUEZ DE TUTELA-Omisi\u00f3n en pr\u00e1ctica de pruebas \u00a0 Se pone de presente una vez m\u00e1s la omisi\u00f3n en que frecuentemente incurren no pocos jueces constitucionales de tutela, consistente en no hacer uso ...<br \/><div class=\"pt-cv-rmwrap\"><a href=\"https:\/\/www.dmsjuridica.com\/buscador_20179478954\/corteconstitucionalcronologico202454587\/t-1056-01\/\" class=\"_self pt-cv-readmore btn btn-success\" target=\"_self\">Ver Sentencia Completa...<\/a><\/div><\/div><\/div><\/div>\n<div class=\"col-md-12 col-sm-12 col-xs-12 pt-cv-content-item pt-cv-1-col\" ><div class='pt-cv-ifield'><a href=\"https:\/\/www.dmsjuridica.com\/buscador_20179478954\/corteconstitucionalcronologico202454587\/t-1055-01\/\" class=\"_self pt-cv-href-thumbnail pt-cv-thumb-default\" target=\"_self\" ><\/a>\n<div class=\"pt-cv-taxoterm above_title\"><a href='https:\/\/www.dmsjuridica.com\/buscador_20179478954\/corteconstitucionalcronologico202454587\/category\/buscar-en-toda-la-corte\/2001\/tutelas-2001\/' title='Tutelas 2001' class='pt-cv-tax-tutelas-2001'>Tutelas 2001<\/a><\/div>\n<h4 class=\"pt-cv-title\"><a href=\"https:\/\/www.dmsjuridica.com\/buscador_20179478954\/corteconstitucionalcronologico202454587\/t-1055-01\/\" class=\"_self\" target=\"_self\" >T-1055-01<\/a><\/h4>\n<div class=\"pt-cv-content\">\u00a0 \u00a0 Sentencia T-1055\/01 \u00a0 DERECHO A LA DIGNIDAD HUMANA-Alcance\/DERECHO A LA VIDA DIGNA-Contenido \u00a0 DERECHO A LA SEGURIDAD SOCIAL-Fundamental por conexidad \u00a0 DERECHO A LA VIDA DIGNA DE PERSONA DE LA TERCERA EDAD-Protecci\u00f3n de los servicios personales dom\u00e9sticos\/SERVICIO DOMESTICO-Afiliaci\u00f3n al r\u00e9gimen de pensiones \u00a0 ACCION DE TUTELA TRANSITORIA A FAVOR DE PERSONA DE LA TERCERA EDAD-Pago suma equivalente al salario m\u00ednimo\/DERECHO A LA VIDA EN CONDICIONES DIGNAS Y JUSTAS-Protecci\u00f3n del m\u00ednimo vital \u00a0 Referencia: expediente T-467541. Acci\u00f3n de tutela interpuesta por Luis \u00c1ngel Mart\u00ednez Torres contra Blanca Matilde Pel\u00e1ez viuda de Lopera \u00a0 Dra. CLARA IN\u00c9S VARGAS HERN\u00c1NDEZ \u00a0 ...<br \/><div class=\"pt-cv-rmwrap\"><a href=\"https:\/\/www.dmsjuridica.com\/buscador_20179478954\/corteconstitucionalcronologico202454587\/t-1055-01\/\" class=\"_self pt-cv-readmore btn btn-success\" target=\"_self\">Ver Sentencia Completa...<\/a><\/div><\/div><\/div><\/div>\n<div class=\"col-md-12 col-sm-12 col-xs-12 pt-cv-content-item pt-cv-1-col\" ><div class='pt-cv-ifield'><a href=\"https:\/\/www.dmsjuridica.com\/buscador_20179478954\/corteconstitucionalcronologico202454587\/t-105-01\/\" class=\"_self pt-cv-href-thumbnail pt-cv-thumb-default\" target=\"_self\" ><\/a>\n<div class=\"pt-cv-taxoterm above_title\"><a href='https:\/\/www.dmsjuridica.com\/buscador_20179478954\/corteconstitucionalcronologico202454587\/category\/buscar-en-toda-la-corte\/2001\/tutelas-2001\/' title='Tutelas 2001' class='pt-cv-tax-tutelas-2001'>Tutelas 2001<\/a><\/div>\n<h4 class=\"pt-cv-title\"><a href=\"https:\/\/www.dmsjuridica.com\/buscador_20179478954\/corteconstitucionalcronologico202454587\/t-105-01\/\" class=\"_self\" target=\"_self\" >T-105-01<\/a><\/h4>\n<div class=\"pt-cv-content\">\u00a0 \u00a0 Sentencia T-105\/01 \u00a0 SECUESTRO-Pago de salarios previa existencia de plena prueba\/DESAPARICION-Improcedencia pago de salarios \u00a0 ACCION DE TUTELA-Improcedencia por falta de pruebas sobre secuestro \u00a0 Referencia: expediente T 348 457 \u00a0 Acci\u00f3n de tutela instaurada por Anael D\u00edaz Montilla contra Electrificadora del Caquet\u00e1 E.S.P.\u00a0 \u00a0 Magistrado Ponente: \u00a0 Dr. FABIO MORON DIAZ \u00a0 Bogot\u00e1 D.C., enero treinta y uno (31) de dos mil uno (2001). \u00a0 La Sala S\u00e9ptima de Revisi\u00f3n de la Corte Constitucional, en ejercicio de sus competencias constitucionales y legales, espec\u00edficamente las previstas en los art\u00edculos 86 y 241, numeral 9, de la Constituci\u00f3n Pol\u00edtica ...<br \/><div class=\"pt-cv-rmwrap\"><a href=\"https:\/\/www.dmsjuridica.com\/buscador_20179478954\/corteconstitucionalcronologico202454587\/t-105-01\/\" class=\"_self pt-cv-readmore btn btn-success\" target=\"_self\">Ver Sentencia Completa...<\/a><\/div><\/div><\/div><\/div>\n<div class=\"col-md-12 col-sm-12 col-xs-12 pt-cv-content-item pt-cv-1-col\" ><div class='pt-cv-ifield'><a href=\"https:\/\/www.dmsjuridica.com\/buscador_20179478954\/corteconstitucionalcronologico202454587\/t-1045-01\/\" class=\"_self pt-cv-href-thumbnail pt-cv-thumb-default\" target=\"_self\" ><\/a>\n<div class=\"pt-cv-taxoterm above_title\"><a href='https:\/\/www.dmsjuridica.com\/buscador_20179478954\/corteconstitucionalcronologico202454587\/category\/buscar-en-toda-la-corte\/2001\/tutelas-2001\/' title='Tutelas 2001' class='pt-cv-tax-tutelas-2001'>Tutelas 2001<\/a><\/div>\n<h4 class=\"pt-cv-title\"><a href=\"https:\/\/www.dmsjuridica.com\/buscador_20179478954\/corteconstitucionalcronologico202454587\/t-1045-01\/\" class=\"_self\" target=\"_self\" >T-1045-01<\/a><\/h4>\n<div class=\"pt-cv-content\">\u00a0 \u00a0 Sentencia T-1045\/01 \u00a0 MUJER EMBARAZADA-Protecci\u00f3n constitucional especial \u00a0 DERECHO A LA ESTABILIDAD LABORAL REFORZADA DE MUJER EMBARAZADA-Elementos f\u00e1cticos que deben demostrarse \u00a0 MUJER TRABAJADORA EMBARAZADA-Hecho notorio\/MUJER TRABAJADORA EMBARAZADA-Despido por causa del embarazo \u00a0 De esta manera podr\u00eda presumirse que dicho despido obedeci\u00f3 a la situaci\u00f3n especial de la accionante, es decir, a su condici\u00f3n de mujer en periodo de gestaci\u00f3n, pues para el momento en que se notific\u00f3 la no prorroga del contrato de trabajo, la accionante contaba con siete (7) meses de embarazo, hecho notorio, libre de cualquier duda y que lleva a concluir, que la otra ...<br \/><div class=\"pt-cv-rmwrap\"><a href=\"https:\/\/www.dmsjuridica.com\/buscador_20179478954\/corteconstitucionalcronologico202454587\/t-1045-01\/\" class=\"_self pt-cv-readmore btn btn-success\" target=\"_self\">Ver Sentencia Completa...<\/a><\/div><\/div><\/div><\/div>\n<div class=\"col-md-12 col-sm-12 col-xs-12 pt-cv-content-item pt-cv-1-col\" ><div class='pt-cv-ifield'><a href=\"https:\/\/www.dmsjuridica.com\/buscador_20179478954\/corteconstitucionalcronologico202454587\/t-1044-01\/\" class=\"_self pt-cv-href-thumbnail pt-cv-thumb-default\" target=\"_self\" ><\/a>\n<div class=\"pt-cv-taxoterm above_title\"><a href='https:\/\/www.dmsjuridica.com\/buscador_20179478954\/corteconstitucionalcronologico202454587\/category\/buscar-en-toda-la-corte\/2001\/tutelas-2001\/' title='Tutelas 2001' class='pt-cv-tax-tutelas-2001'>Tutelas 2001<\/a><\/div>\n<h4 class=\"pt-cv-title\"><a href=\"https:\/\/www.dmsjuridica.com\/buscador_20179478954\/corteconstitucionalcronologico202454587\/t-1044-01\/\" class=\"_self\" target=\"_self\" >T-1044-01<\/a><\/h4>\n<div class=\"pt-cv-content\">\u00a0 \u00a0 Sentencia T-1044\/01\u00a0 \u00a0 DERECHO A LA PENSION-Fundamental por conexidad \u00a0 SISTEMA GENERAL DE PENSIONES-Reg\u00edmenes\u00a0 \u00a0 DERECHO DE PETICION-Pronta resoluci\u00f3n sobre reconocimiento de pensi\u00f3n \u00a0 BONOS PENSIONALES-Pronta tramitaci\u00f3n \u00a0 BONOS PENSIONALES-Demora en la emisi\u00f3n afecta derechos fundamentales \u00a0 PENSION DE JUBILACION-Entidades deben informar oportunamente al interesado las decisiones que afecten su derecho pensional \u00a0 BONOS PENSIONALES-Caracter\u00edsticas\/BONOS PENSIONALES-Clases \u00a0 BONOS PENSIONALES-Expedici\u00f3n y emisi\u00f3n \u00a0 BONOS PENSIONALES-Ultima entidad empleadora reconoce y expide la totalidad \u00a0 BONOS PENSIONALES-Procedencia de tutela para reclamar la remisi\u00f3n \u00a0 BONOS PENSIONALES-Aspectos a tener en cuenta en su tramitaci\u00f3n \u00a0 PENSION DE VEJEZ-Raz\u00f3n de ser \u00a0 Las ...<br \/><div class=\"pt-cv-rmwrap\"><a href=\"https:\/\/www.dmsjuridica.com\/buscador_20179478954\/corteconstitucionalcronologico202454587\/t-1044-01\/\" class=\"_self pt-cv-readmore btn btn-success\" target=\"_self\">Ver Sentencia Completa...<\/a><\/div><\/div><\/div><\/div>\n<div class=\"col-md-12 col-sm-12 col-xs-12 pt-cv-content-item pt-cv-1-col\" ><div class='pt-cv-ifield'><a href=\"https:\/\/www.dmsjuridica.com\/buscador_20179478954\/corteconstitucionalcronologico202454587\/t-1043-01\/\" class=\"_self pt-cv-href-thumbnail pt-cv-thumb-default\" target=\"_self\" ><\/a>\n<div class=\"pt-cv-taxoterm above_title\"><a href='https:\/\/www.dmsjuridica.com\/buscador_20179478954\/corteconstitucionalcronologico202454587\/category\/buscar-en-toda-la-corte\/2001\/tutelas-2001\/' title='Tutelas 2001' class='pt-cv-tax-tutelas-2001'>Tutelas 2001<\/a><\/div>\n<h4 class=\"pt-cv-title\"><a href=\"https:\/\/www.dmsjuridica.com\/buscador_20179478954\/corteconstitucionalcronologico202454587\/t-1043-01\/\" class=\"_self\" target=\"_self\" >T-1043-01<\/a><\/h4>\n<div class=\"pt-cv-content\">\u00a0 \u00a0 Sentencia T-1043\/01 \u00a0 \u00a0 \u00a0 \u00a0 \u00a0 \u00a0 \u00a0 \u00a0 \u00a0 \u00a0 \u00a0 \u00a0 \u00a0 \u00a0 \u00a0 \u00a0 \u00a0 \u00a0 \u00a0 \u00a0 \u00a0 \u00a0 \u00a0 \u00a0 REGIMEN SUBSIDIARIO DE SEGURIDAD SOCIAL EN SALUD-Naturaleza \u00a0 ENTIDAD PROMOTORA DE SALUD-Suministro de medicamentos\/ENTIDAD PROMOTORA DE SALUD-Repetici\u00f3n contra el FOSYGA \u00a0 REGIMEN SUBSIDIADO DE SALUD-Aplicaci\u00f3n constituye plena prueba de que se trata de persona de escasos recursos \u00a0 \u00a0 \u00a0 \u00a0 \u00a0 \u00a0 \u00a0 \u00a0 \u00a0 \u00a0 \u00a0 \u00a0 \u00a0 \u00a0 \u00a0 \u00a0 \u00a0 \u00a0 \u00a0 \u00a0 \u00a0 \u00a0 \u00a0 \u00a0 \u00a0 \u00a0 \u00a0 \u00a0 \u00a0 \u00a0 \u00a0 \u00a0 \u00a0 \u00a0 \u00a0 ...<br \/><div class=\"pt-cv-rmwrap\"><a href=\"https:\/\/www.dmsjuridica.com\/buscador_20179478954\/corteconstitucionalcronologico202454587\/t-1043-01\/\" class=\"_self pt-cv-readmore btn btn-success\" target=\"_self\">Ver Sentencia Completa...<\/a><\/div><\/div><\/div><\/div>\n<div class=\"col-md-12 col-sm-12 col-xs-12 pt-cv-content-item pt-cv-1-col\" ><div class='pt-cv-ifield'><a href=\"https:\/\/www.dmsjuridica.com\/buscador_20179478954\/corteconstitucionalcronologico202454587\/t-1042-01\/\" class=\"_self pt-cv-href-thumbnail pt-cv-thumb-default\" target=\"_self\" ><\/a>\n<div class=\"pt-cv-taxoterm above_title\"><a href='https:\/\/www.dmsjuridica.com\/buscador_20179478954\/corteconstitucionalcronologico202454587\/category\/buscar-en-toda-la-corte\/2001\/tutelas-2001\/' title='Tutelas 2001' class='pt-cv-tax-tutelas-2001'>Tutelas 2001<\/a><\/div>\n<h4 class=\"pt-cv-title\"><a href=\"https:\/\/www.dmsjuridica.com\/buscador_20179478954\/corteconstitucionalcronologico202454587\/t-1042-01\/\" class=\"_self\" target=\"_self\" >T-1042-01<\/a><\/h4>\n<div class=\"pt-cv-content\">\u00a0 \u00a0 Sentencia T-1042\/01 \u00a0 ACCION DE TUTELA CONTRA PARTICULARES-Procedencia excepcional\u00a0 \u00a0 SUBORDINACION-Naturaleza normativa\/INDEFENSION-Naturaleza f\u00e1ctica \u00a0 RELACIONES ENTRE COPROPIETARIOS-Subordinaci\u00f3n\/RELACIONES ENTRE EMPLEADOS Y ORGANOS DE ADMINISTRACION DE CONJUNTO RESIDENCIAL-Subordinaci\u00f3n \u00a0 DERECHOS FUNDAMENTALES-Efectos horizontales \u00a0 Una buena muestra del abandono de dicho viejo entendimiento sobre el alcance de los derechos son el reconocimiento constitucional \u2013 como es el caso colombiano \u2013 o doctrinal \u2013 como es el caso alem\u00e1n con la doctrina de los efectos horizontales de los derechos fundamentales\u2013 de que los derechos fundamentales tambi\u00e9n valen, y pueden ser protegidos, en el \u00e1mbito de las relaciones privadas. Si bien los derechos ...<br \/><div class=\"pt-cv-rmwrap\"><a href=\"https:\/\/www.dmsjuridica.com\/buscador_20179478954\/corteconstitucionalcronologico202454587\/t-1042-01\/\" class=\"_self pt-cv-readmore btn btn-success\" target=\"_self\">Ver Sentencia Completa...<\/a><\/div><\/div><\/div><\/div>\n<div class=\"col-md-12 col-sm-12 col-xs-12 pt-cv-content-item pt-cv-1-col\" ><div class='pt-cv-ifield'><a href=\"https:\/\/www.dmsjuridica.com\/buscador_20179478954\/corteconstitucionalcronologico202454587\/t-1040-01\/\" class=\"_self pt-cv-href-thumbnail pt-cv-thumb-default\" target=\"_self\" ><\/a>\n<div class=\"pt-cv-taxoterm above_title\"><a href='https:\/\/www.dmsjuridica.com\/buscador_20179478954\/corteconstitucionalcronologico202454587\/category\/buscar-en-toda-la-corte\/2001\/tutelas-2001\/' title='Tutelas 2001' class='pt-cv-tax-tutelas-2001'>Tutelas 2001<\/a><\/div>\n<h4 class=\"pt-cv-title\"><a href=\"https:\/\/www.dmsjuridica.com\/buscador_20179478954\/corteconstitucionalcronologico202454587\/t-1040-01\/\" class=\"_self\" target=\"_self\" >T-1040-01<\/a><\/h4>\n<div class=\"pt-cv-content\">\u00a0 \u00a0 Sentencia T-1040\/01 \u00a0 DECRETO REGLAMENTARIO DE COMPETENCIA EN TUTELA-Inaplicaci\u00f3n \u00a0 CONTRATO DE TRABAJO-Subordinaci\u00f3n \u00a0 El contrato de trabajo se caracteriza por conferir a una de las partes, al empleador, la facultad de dar \u00f3rdenes continuamente al trabajador, y a \u00e9ste, la obligaci\u00f3n de cumplirlas. Esta caracter\u00edstica constituye uno de los elementos del contrato de trabajo, que implica una subordinaci\u00f3n del trabajador respecto del empleador. Dependiendo del tipo de labores que deba realizar el trabajador, y de las necesidades que tenga el empleador, \u00e9ste ejerce en mayor o menor grado su facultad de subordinaci\u00f3n. Sin embargo, esta facultad no ...<br \/><div class=\"pt-cv-rmwrap\"><a href=\"https:\/\/www.dmsjuridica.com\/buscador_20179478954\/corteconstitucionalcronologico202454587\/t-1040-01\/\" class=\"_self pt-cv-readmore btn btn-success\" target=\"_self\">Ver Sentencia Completa...<\/a><\/div><\/div><\/div><\/div>\n<div class=\"col-md-12 col-sm-12 col-xs-12 pt-cv-content-item pt-cv-1-col\" ><div class='pt-cv-ifield'><a href=\"https:\/\/www.dmsjuridica.com\/buscador_20179478954\/corteconstitucionalcronologico202454587\/t-104-01\/\" class=\"_self pt-cv-href-thumbnail pt-cv-thumb-default\" target=\"_self\" ><\/a>\n<div class=\"pt-cv-taxoterm above_title\"><a href='https:\/\/www.dmsjuridica.com\/buscador_20179478954\/corteconstitucionalcronologico202454587\/category\/buscar-en-toda-la-corte\/2001\/tutelas-2001\/' title='Tutelas 2001' class='pt-cv-tax-tutelas-2001'>Tutelas 2001<\/a><\/div>\n<h4 class=\"pt-cv-title\"><a href=\"https:\/\/www.dmsjuridica.com\/buscador_20179478954\/corteconstitucionalcronologico202454587\/t-104-01\/\" class=\"_self\" target=\"_self\" >T-104-01<\/a><\/h4>\n<div class=\"pt-cv-content\">\u00a0 \u00a0 Sentencia T-104\/01 \u00a0 SISTEMA DE CARRERA ADMINISTRATIVA Y JUDICIAL-M\u00e9rito como elemento esencial \u00a0 SISTEMA DE CARRERA-Finalidad esencial \u00a0 MEDIO DE DEFENSA JUDICIAL INEFICAZ-Nombramiento de quien obtuvo primer puesto en concurso para carrera\/NOMINADOR-Una vez elaborada lista de candidatos la designaci\u00f3n no puede ser arbitraria \u00a0 EMPLEADO DE CARRERA-Reclasificaci\u00f3n de puntajes \u00a0 Referencia: expediente T-343360 \u00a0 Acci\u00f3n de tutela instaurada Beatriz Gonz\u00e1lez Reinoso contra la H. Corte Suprema de Justicia. \u00a0 Magistrado ponente: \u00a0 Dr. FABIO MOR\u00d3N D\u00cdAZ \u00a0 Bogot\u00e1, D.C., enero treinta y uno (31) de dos mil uno (2001). \u00a0 \u00a0 \u00a0 \u00a0 La Sala S\u00e9ptima de Revisi\u00f3n ...<br \/><div class=\"pt-cv-rmwrap\"><a href=\"https:\/\/www.dmsjuridica.com\/buscador_20179478954\/corteconstitucionalcronologico202454587\/t-104-01\/\" class=\"_self pt-cv-readmore btn btn-success\" target=\"_self\">Ver Sentencia Completa...<\/a><\/div><\/div><\/div><\/div>\n<div class=\"col-md-12 col-sm-12 col-xs-12 pt-cv-content-item pt-cv-1-col\" ><div class='pt-cv-ifield'><a href=\"https:\/\/www.dmsjuridica.com\/buscador_20179478954\/corteconstitucionalcronologico202454587\/t-1039-01\/\" class=\"_self pt-cv-href-thumbnail pt-cv-thumb-default\" target=\"_self\" ><\/a>\n<div class=\"pt-cv-taxoterm above_title\"><a href='https:\/\/www.dmsjuridica.com\/buscador_20179478954\/corteconstitucionalcronologico202454587\/category\/buscar-en-toda-la-corte\/2001\/tutelas-2001\/' title='Tutelas 2001' class='pt-cv-tax-tutelas-2001'>Tutelas 2001<\/a><\/div>\n<h4 class=\"pt-cv-title\"><a href=\"https:\/\/www.dmsjuridica.com\/buscador_20179478954\/corteconstitucionalcronologico202454587\/t-1039-01\/\" class=\"_self\" target=\"_self\" >T-1039-01<\/a><\/h4>\n<div class=\"pt-cv-content\">\u00a0 \u00a0 Sentencia T-1039\/01 \u00a0 DERECHO A LA SALUD-Tratamiento de quimioterapia\/ACCION DE TUTELA-Hecho superado \u00a0 Referencia: expediente T-470303 \u00a0 Acci\u00f3n de tutela instaurada por Arinda Mercedes Fr\u00edas Rosado contra Cajanal E.P.S. Seccional Riohacha.\u00a0 \u00a0 Magistrado Ponente:\u00a0 \u00a0 Dr. RODRIGO ESCOBAR GIL. \u00a0 Bogot\u00e1, D.C., veintisiete \u00a0(27) de septiembre dos mil uno (2001). \u00a0 La Sala Quinta de Revisi\u00f3n de la Corte Constitucional, integrada por los Magistrados Rodrigo Escobar Gil, Presidente, Marco Gerardo Monroy Cabra y Eduardo Montealegre Lynett, en ejercicio de sus competencias constitucionales y legales, \u00a0 EN NOMBRE DEL PUEBLO \u00a0 Y \u00a0 POR MANDATO DE LA CONSTITUCION \u00a0 ...<br \/><div class=\"pt-cv-rmwrap\"><a href=\"https:\/\/www.dmsjuridica.com\/buscador_20179478954\/corteconstitucionalcronologico202454587\/t-1039-01\/\" class=\"_self pt-cv-readmore btn btn-success\" target=\"_self\">Ver Sentencia Completa...<\/a><\/div><\/div><\/div><\/div>\n<div class=\"col-md-12 col-sm-12 col-xs-12 pt-cv-content-item pt-cv-1-col\" ><div class='pt-cv-ifield'><a href=\"https:\/\/www.dmsjuridica.com\/buscador_20179478954\/corteconstitucionalcronologico202454587\/t-1038-01\/\" class=\"_self pt-cv-href-thumbnail pt-cv-thumb-default\" target=\"_self\" ><\/a>\n<div class=\"pt-cv-taxoterm above_title\"><a href='https:\/\/www.dmsjuridica.com\/buscador_20179478954\/corteconstitucionalcronologico202454587\/category\/buscar-en-toda-la-corte\/2001\/tutelas-2001\/' title='Tutelas 2001' class='pt-cv-tax-tutelas-2001'>Tutelas 2001<\/a><\/div>\n<h4 class=\"pt-cv-title\"><a href=\"https:\/\/www.dmsjuridica.com\/buscador_20179478954\/corteconstitucionalcronologico202454587\/t-1038-01\/\" class=\"_self\" target=\"_self\" >T-1038-01<\/a><\/h4>\n<div class=\"pt-cv-content\">\u00a0 \u00a0 Sentencia T-1038\/01 \u00a0 DERECHO A LA SALUD-Fundamental por conexidad con la vida \u00a0 ACCION DE TUTELA-Protecci\u00f3n preventiva y no solo en casos de gravedad \u00a0 DIGNIDAD HUMANA-Interrupci\u00f3n de tratamiento m\u00e9dico \u00a0 DERECHO A LA SALUD-Reanudaci\u00f3n de tratamiento m\u00e9dico suspendido sin atender l\u00edmite de edad \u00a0 Reiteraci\u00f3n de Jurisprudencia \u00a0 Referencia: expediente T-450254 \u00a0 Acci\u00f3n de tutela instaurada por Maritza Isabel Pe\u00f1a contra la Fundaci\u00f3n M\u00e9dico Preventiva para el Bienestar Social Ltda. \u00a0 Magistrado Ponente: \u00a0 Dr. RODRIGO ESCOBAR GIL \u00a0 Bogot\u00e1, D.C., a los veintisiete (27) d\u00edas del mes de septiembre de dos mil uno (2001). \u00a0 La ...<br \/><div class=\"pt-cv-rmwrap\"><a href=\"https:\/\/www.dmsjuridica.com\/buscador_20179478954\/corteconstitucionalcronologico202454587\/t-1038-01\/\" class=\"_self pt-cv-readmore btn btn-success\" target=\"_self\">Ver Sentencia Completa...<\/a><\/div><\/div><\/div><\/div>\n<div class=\"col-md-12 col-sm-12 col-xs-12 pt-cv-content-item pt-cv-1-col\" ><div class='pt-cv-ifield'><a href=\"https:\/\/www.dmsjuridica.com\/buscador_20179478954\/corteconstitucionalcronologico202454587\/t-1037-01\/\" class=\"_self pt-cv-href-thumbnail pt-cv-thumb-default\" target=\"_self\" ><\/a>\n<div class=\"pt-cv-taxoterm above_title\"><a href='https:\/\/www.dmsjuridica.com\/buscador_20179478954\/corteconstitucionalcronologico202454587\/category\/buscar-en-toda-la-corte\/2001\/tutelas-2001\/' title='Tutelas 2001' class='pt-cv-tax-tutelas-2001'>Tutelas 2001<\/a><\/div>\n<h4 class=\"pt-cv-title\"><a href=\"https:\/\/www.dmsjuridica.com\/buscador_20179478954\/corteconstitucionalcronologico202454587\/t-1037-01\/\" class=\"_self\" target=\"_self\" >T-1037-01<\/a><\/h4>\n<div class=\"pt-cv-content\">\u00a0 \u00a0 Sentencia T-1037\/01 \u00a0 LEGITIMACION POR ACTIVA EN TUTELA-Hijo en representaci\u00f3n de madre enferma \u00a0 DERECHO A LA SALUD-Conexidad con la vida \u00a0 DERECHO A LA SALUD-Realizaci\u00f3n de cirug\u00edas conjuntas \u00a0 Escindir un tratamiento que ha sido \u00a0m\u00e9dicamente recomendado de manera conjunta, es casi como anularlo en su integridad, en tanto que si la recomendaci\u00f3n m\u00e9dico - especializada ha sido \u00a0para la realizaci\u00f3n de dos procedimientos quir\u00fargicos, es en \u00a0aras de proteger la salud de una paciente, dadas sus condiciones particulares de salud y de edad. Aceptar \u00a0la realizaci\u00f3n de \u00a0un procedimiento para dejar pendiente el otro, y de ...<br \/><div class=\"pt-cv-rmwrap\"><a href=\"https:\/\/www.dmsjuridica.com\/buscador_20179478954\/corteconstitucionalcronologico202454587\/t-1037-01\/\" class=\"_self pt-cv-readmore btn btn-success\" target=\"_self\">Ver Sentencia Completa...<\/a><\/div><\/div><\/div><\/div>\n<div class=\"col-md-12 col-sm-12 col-xs-12 pt-cv-content-item pt-cv-1-col\" ><div class='pt-cv-ifield'><a href=\"https:\/\/www.dmsjuridica.com\/buscador_20179478954\/corteconstitucionalcronologico202454587\/t-1036-01\/\" class=\"_self pt-cv-href-thumbnail pt-cv-thumb-default\" target=\"_self\" ><\/a>\n<div class=\"pt-cv-taxoterm above_title\"><a href='https:\/\/www.dmsjuridica.com\/buscador_20179478954\/corteconstitucionalcronologico202454587\/category\/buscar-en-toda-la-corte\/2001\/tutelas-2001\/' title='Tutelas 2001' class='pt-cv-tax-tutelas-2001'>Tutelas 2001<\/a><\/div>\n<h4 class=\"pt-cv-title\"><a href=\"https:\/\/www.dmsjuridica.com\/buscador_20179478954\/corteconstitucionalcronologico202454587\/t-1036-01\/\" class=\"_self\" target=\"_self\" >T-1036-01<\/a><\/h4>\n<div class=\"pt-cv-content\">\u00a0 \u00a0 Sentencia T-1036\/01 \u00a0 ACCION DE TUTELA-Protecci\u00f3n de derechos prestacionales por conexidad con derechos fundamentales \u00a0 ACCION DE TUTELA-Improcedencia por no tratarse de derecho fundamental ni estar en conexidad con la vida \u00a0 Referencia: expediente T-469081 \u00a0 Acci\u00f3n de tutela de Ricardo Arles S\u00e1nchez Ch\u00e1vez contra el Instituto de Seguros Sociales y la E.P.S Cruz Blanca. \u00a0 Magistrado Ponente: \u00a0 \u00a0 Dr. JAIME C\u00d3RDOBA TRIVI\u00d1O \u00a0 Bogot\u00e1, D.C., veintisiete (27) de septiembre de dos mil uno (2001). \u00a0 La Sala Cuarta de Revisi\u00f3n de la Corte Constitucional, en ejercicio de sus competencias constitucionales y legales, ha proferido la siguiente ...<br \/><div class=\"pt-cv-rmwrap\"><a href=\"https:\/\/www.dmsjuridica.com\/buscador_20179478954\/corteconstitucionalcronologico202454587\/t-1036-01\/\" class=\"_self pt-cv-readmore btn btn-success\" target=\"_self\">Ver Sentencia Completa...<\/a><\/div><\/div><\/div><\/div>\n<div class=\"col-md-12 col-sm-12 col-xs-12 pt-cv-content-item pt-cv-1-col\" ><div class='pt-cv-ifield'><a href=\"https:\/\/www.dmsjuridica.com\/buscador_20179478954\/corteconstitucionalcronologico202454587\/t-1035-01\/\" class=\"_self pt-cv-href-thumbnail pt-cv-thumb-default\" target=\"_self\" ><\/a>\n<div class=\"pt-cv-taxoterm above_title\"><a href='https:\/\/www.dmsjuridica.com\/buscador_20179478954\/corteconstitucionalcronologico202454587\/category\/buscar-en-toda-la-corte\/2001\/tutelas-2001\/' title='Tutelas 2001' class='pt-cv-tax-tutelas-2001'>Tutelas 2001<\/a><\/div>\n<h4 class=\"pt-cv-title\"><a href=\"https:\/\/www.dmsjuridica.com\/buscador_20179478954\/corteconstitucionalcronologico202454587\/t-1035-01\/\" class=\"_self\" target=\"_self\" >T-1035-01<\/a><\/h4>\n<div class=\"pt-cv-content\">\u00a0 \u00a0 Sentencia T-1035\/01 \u00a0 BONOS PENSIONALES-Tipos que existen \u00a0 BONOS PENSIONALES-Ultima entidad empleadora reconoce y expide la totalidad \u00a0 BONOS PENSIONALES-Emisor y contribuyente \u00a0 Se establece que hay un emisor del bono y unos contribuyentes. El contribuyente se entiende como la entidad que emite el bono para lo cual expide una resoluci\u00f3n en la que i) acepta la cuota del bono pensional, ii) autoriza la suscripci\u00f3n del bono a nombre del beneficiario por la cuota parte, y iii) determina acuerdos de pago entre quien emite el bono y el o los contribuyentes. \u00a0 INEFICIENCIA ADMINISTRATIVA-No sirve de excusa para ...<br \/><div class=\"pt-cv-rmwrap\"><a href=\"https:\/\/www.dmsjuridica.com\/buscador_20179478954\/corteconstitucionalcronologico202454587\/t-1035-01\/\" class=\"_self pt-cv-readmore btn btn-success\" target=\"_self\">Ver Sentencia Completa...<\/a><\/div><\/div><\/div><\/div>\n<div class=\"col-md-12 col-sm-12 col-xs-12 pt-cv-content-item pt-cv-1-col\" ><div class='pt-cv-ifield'><a href=\"https:\/\/www.dmsjuridica.com\/buscador_20179478954\/corteconstitucionalcronologico202454587\/t-1034-01\/\" class=\"_self pt-cv-href-thumbnail pt-cv-thumb-default\" target=\"_self\" ><\/a>\n<div class=\"pt-cv-taxoterm above_title\"><a href='https:\/\/www.dmsjuridica.com\/buscador_20179478954\/corteconstitucionalcronologico202454587\/category\/buscar-en-toda-la-corte\/2001\/tutelas-2001\/' title='Tutelas 2001' class='pt-cv-tax-tutelas-2001'>Tutelas 2001<\/a><\/div>\n<h4 class=\"pt-cv-title\"><a href=\"https:\/\/www.dmsjuridica.com\/buscador_20179478954\/corteconstitucionalcronologico202454587\/t-1034-01\/\" class=\"_self\" target=\"_self\" >T-1034-01<\/a><\/h4>\n<div class=\"pt-cv-content\">\u00a0 \u00a0 Sentencia T-1034\/01 \u00a0 Nuestra Carta Pol\u00edtica estableci\u00f3 una especial protecci\u00f3n a las personas con limitaciones f\u00edsicas o mentales, ya que s\u00f3lo a trav\u00e9s de este tratamiento preferencial podr\u00eda ser alcanzable la realizaci\u00f3n del derecho a la igualdad de estos individuos con respecto a aquellos que tienen la totalidad de sus capacidades. \u00a0 DERECHO A LA SALUD DEL DISMINUIDO FISICO Y PSIQUICO-Rehabilitaci\u00f3n e integraci\u00f3n social por el Estado cuando familia no est\u00e1 en condiciones de hacerlo \u00a0 MENOR DISCAPACITADO-Tratamiento pedag\u00f3gico no incluido en el POS\/MENOR DISCAPACITADO-Servicio eficiente, integral, \u00f3ptimo en tratamiento y rehabilitaci\u00f3n \u00a0 DISMINUIDO FISICO O MENTAL-Responsabilidad compartida ...<br \/><div class=\"pt-cv-rmwrap\"><a href=\"https:\/\/www.dmsjuridica.com\/buscador_20179478954\/corteconstitucionalcronologico202454587\/t-1034-01\/\" class=\"_self pt-cv-readmore btn btn-success\" target=\"_self\">Ver Sentencia Completa...<\/a><\/div><\/div><\/div><\/div>\n<div class=\"col-md-12 col-sm-12 col-xs-12 pt-cv-content-item pt-cv-1-col\" ><div class='pt-cv-ifield'><a href=\"https:\/\/www.dmsjuridica.com\/buscador_20179478954\/corteconstitucionalcronologico202454587\/t-1033-01\/\" class=\"_self pt-cv-href-thumbnail pt-cv-thumb-default\" target=\"_self\" ><\/a>\n<div class=\"pt-cv-taxoterm above_title\"><a href='https:\/\/www.dmsjuridica.com\/buscador_20179478954\/corteconstitucionalcronologico202454587\/category\/buscar-en-toda-la-corte\/2001\/tutelas-2001\/' title='Tutelas 2001' class='pt-cv-tax-tutelas-2001'>Tutelas 2001<\/a><\/div>\n<h4 class=\"pt-cv-title\"><a href=\"https:\/\/www.dmsjuridica.com\/buscador_20179478954\/corteconstitucionalcronologico202454587\/t-1033-01\/\" class=\"_self\" target=\"_self\" >T-1033-01<\/a><\/h4>\n<div class=\"pt-cv-content\">\u00a0 \u00a0 Sentencia T-1033\/01 \u00a0 ACCION DE TUTELA CONTRA PARTICULARES-Indefensi\u00f3n \u00a0 DERECHO AL AMBIENTE SANO-Contaminaci\u00f3n por ruido \u00a0 La contaminaci\u00f3n por ruido afecta directamente el derecho colectivo a un medio ambiente sano, para cuya protecci\u00f3n fueron consagradas las acciones populares en el ordenamiento jur\u00eddico nacional. Si bien el deterioro del medio ambiente por la contaminaci\u00f3n auditiva se enmarca dentro del campo de los derechos e intereses colectivos, el grado de la perturbaci\u00f3n producida por el ruido puede conllevar la vulneraci\u00f3n de los derechos fundamentales individuales. \u00a0 ACCION DE TUTELA CONTRA EL RUIDO-Nivel de tolerancia \u00a0 LIBERTAD DE CULTOS-No es absoluta\/LIBERTAD ...<br \/><div class=\"pt-cv-rmwrap\"><a href=\"https:\/\/www.dmsjuridica.com\/buscador_20179478954\/corteconstitucionalcronologico202454587\/t-1033-01\/\" class=\"_self pt-cv-readmore btn btn-success\" target=\"_self\">Ver Sentencia Completa...<\/a><\/div><\/div><\/div><\/div>\n<div class=\"col-md-12 col-sm-12 col-xs-12 pt-cv-content-item pt-cv-1-col\" ><div class='pt-cv-ifield'><a href=\"https:\/\/www.dmsjuridica.com\/buscador_20179478954\/corteconstitucionalcronologico202454587\/t-1032-01\/\" class=\"_self pt-cv-href-thumbnail pt-cv-thumb-default\" target=\"_self\" ><\/a>\n<div class=\"pt-cv-taxoterm above_title\"><a href='https:\/\/www.dmsjuridica.com\/buscador_20179478954\/corteconstitucionalcronologico202454587\/category\/buscar-en-toda-la-corte\/2001\/tutelas-2001\/' title='Tutelas 2001' class='pt-cv-tax-tutelas-2001'>Tutelas 2001<\/a><\/div>\n<h4 class=\"pt-cv-title\"><a href=\"https:\/\/www.dmsjuridica.com\/buscador_20179478954\/corteconstitucionalcronologico202454587\/t-1032-01\/\" class=\"_self\" target=\"_self\" >T-1032-01<\/a><\/h4>\n<div class=\"pt-cv-content\">\u00a0 \u00a0 Sentencia T-1032\/01 \u00a0 LEGITIMACION POR ACTIVA EN TUTELA-C\u00f3nyuge de la afectada en salud \u00a0 ENFERMEDADES CATASTROFICAS O RUINOSAS-Periodos m\u00ednimos de cotizaci\u00f3n \u00a0 ENTIDAD PROMOTORA DE SALUD-R\u00e9gimen general que excluye preexistencias\/ENTIDAD PROMOTORA DE SALUD-R\u00e9gimen excepcional por servicios de alto costo \u00a0 ENTIDAD PROMOTORA DE SALUD-No imposici\u00f3n general de semanas m\u00e1ximas de cotizaci\u00f3n por enfermedades de alto costo \u00a0 ACCION DE TUTELA-Procedencia respecto a tratamiento para enfermo de c\u00e1ncer \u00a0 La Corte estima que se configuran los elementos necesarios para que se conceda la presente acci\u00f3n de tutela. Ello por cuanto la sentencia de segunda instancia es contraria a la ...<br \/><div class=\"pt-cv-rmwrap\"><a href=\"https:\/\/www.dmsjuridica.com\/buscador_20179478954\/corteconstitucionalcronologico202454587\/t-1032-01\/\" class=\"_self pt-cv-readmore btn btn-success\" target=\"_self\">Ver Sentencia Completa...<\/a><\/div><\/div><\/div><\/div>\n<div class=\"col-md-12 col-sm-12 col-xs-12 pt-cv-content-item pt-cv-1-col\" ><div class='pt-cv-ifield'><a href=\"https:\/\/www.dmsjuridica.com\/buscador_20179478954\/corteconstitucionalcronologico202454587\/t-1031-01\/\" class=\"_self pt-cv-href-thumbnail pt-cv-thumb-default\" target=\"_self\" ><\/a>\n<div class=\"pt-cv-taxoterm above_title\"><a href='https:\/\/www.dmsjuridica.com\/buscador_20179478954\/corteconstitucionalcronologico202454587\/category\/buscar-en-toda-la-corte\/2001\/tutelas-2001\/' title='Tutelas 2001' class='pt-cv-tax-tutelas-2001'>Tutelas 2001<\/a><\/div>\n<h4 class=\"pt-cv-title\"><a href=\"https:\/\/www.dmsjuridica.com\/buscador_20179478954\/corteconstitucionalcronologico202454587\/t-1031-01\/\" class=\"_self\" target=\"_self\" >T-1031-01<\/a><\/h4>\n<div class=\"pt-cv-content\">\u00a0 \u00a0 Sentencia T-1031\/01 \u00a0 VIA DE HECHO-Alcance \u00a0 AUTONOMIA JUDICIAL E INTERPRETACION CONFORME A LA CONSTITUCION \u00a0 A la par de la necesidad de las garant\u00edas de independencia y autonom\u00eda judicial, que se resumen en que \u00fanicamente est\u00e1 sometido al imperio de la ley, es decir, al derecho, debe observarse que tales garant\u00edas no constituyen fines en si mismos, sino que fungen como medios para lograr fines superiores: \u201cgarantizar la efectividad de los principios, derechos y deberes consagrados en la Constituci\u00f3n\u201d. Resulta evidente que la labor de los jueces al interpretar el derecho para aplicarlo al caso concreto, si ...<br \/><div class=\"pt-cv-rmwrap\"><a href=\"https:\/\/www.dmsjuridica.com\/buscador_20179478954\/corteconstitucionalcronologico202454587\/t-1031-01\/\" class=\"_self pt-cv-readmore btn btn-success\" target=\"_self\">Ver Sentencia Completa...<\/a><\/div><\/div><\/div><\/div>\n<div class=\"col-md-12 col-sm-12 col-xs-12 pt-cv-content-item pt-cv-1-col\" ><div class='pt-cv-ifield'><a href=\"https:\/\/www.dmsjuridica.com\/buscador_20179478954\/corteconstitucionalcronologico202454587\/t-1030-01\/\" class=\"_self pt-cv-href-thumbnail pt-cv-thumb-default\" target=\"_self\" ><\/a>\n<div class=\"pt-cv-taxoterm above_title\"><a href='https:\/\/www.dmsjuridica.com\/buscador_20179478954\/corteconstitucionalcronologico202454587\/category\/buscar-en-toda-la-corte\/2001\/tutelas-2001\/' title='Tutelas 2001' class='pt-cv-tax-tutelas-2001'>Tutelas 2001<\/a><\/div>\n<h4 class=\"pt-cv-title\"><a href=\"https:\/\/www.dmsjuridica.com\/buscador_20179478954\/corteconstitucionalcronologico202454587\/t-1030-01\/\" class=\"_self\" target=\"_self\" >T-1030-01<\/a><\/h4>\n<div class=\"pt-cv-content\">\u00a0 \u00a0 Sentencia T-1030\/01 \u00a0 ACCION DE TUTELA DE UN DERECHO PRESTACIONAL-Requisitos concurrentes \u00a0 DERECHO A LA SALUD-Fundamental por conexidad con la vida \u00a0 DERECHO A LA VIDA-Supone la garant\u00eda de una existencia digna \u00a0 DERECHO A LA SALUD-Examen de densiometr\u00eda \u00f3sea y suministro de corset de jewett \u00a0 DERECHO A LA VIDA DIGNA-Tratamiento para aliviar dolor \u00a0 ACCION DE TUTELA-Dilaci\u00f3n en la atenci\u00f3n m\u00e9dica por el POS \u00a0 As\u00ed como es admisible la procedencia de la acci\u00f3n de tutela para ordenar la pr\u00e1ctica de ex\u00e1menes o cirug\u00edas excluidas del Plan Obligatorio de Salud (POS) en los eventos en que ...<br \/><div class=\"pt-cv-rmwrap\"><a href=\"https:\/\/www.dmsjuridica.com\/buscador_20179478954\/corteconstitucionalcronologico202454587\/t-1030-01\/\" class=\"_self pt-cv-readmore btn btn-success\" target=\"_self\">Ver Sentencia Completa...<\/a><\/div><\/div><\/div><\/div>\n<div class=\"col-md-12 col-sm-12 col-xs-12 pt-cv-content-item pt-cv-1-col\" ><div class='pt-cv-ifield'><a href=\"https:\/\/www.dmsjuridica.com\/buscador_20179478954\/corteconstitucionalcronologico202454587\/t-103-01\/\" class=\"_self pt-cv-href-thumbnail pt-cv-thumb-default\" target=\"_self\" ><\/a>\n<div class=\"pt-cv-taxoterm above_title\"><a href='https:\/\/www.dmsjuridica.com\/buscador_20179478954\/corteconstitucionalcronologico202454587\/category\/buscar-en-toda-la-corte\/2001\/tutelas-2001\/' title='Tutelas 2001' class='pt-cv-tax-tutelas-2001'>Tutelas 2001<\/a><\/div>\n<h4 class=\"pt-cv-title\"><a href=\"https:\/\/www.dmsjuridica.com\/buscador_20179478954\/corteconstitucionalcronologico202454587\/t-103-01\/\" class=\"_self\" target=\"_self\" >T-103-01<\/a><\/h4>\n<div class=\"pt-cv-content\">\u00a0 \u00a0 Sentencia T-103\/01 \u00a0 ACCION DE TUTELA-Procedencia excepcional pago de acreencias laborales\/DERECHO AL MINIMO VITAL DEL PENSIONADO-Pago oportuno de mesadas \u00a0 Referencia: expediente T 338 743 \u00a0 Acci\u00f3n de tutela instaurada por Tulia Figueroa de Figueroa contra Departamento de Boyac\u00e1, Caja de Previsi\u00f3n Social de Boyaca y Secretaria de Hacienda. \u00a0 Magistrado Ponente: \u00a0 Dr. FABIO MORON DIAZ \u00a0 Bogot\u00e1 D.C., enero treinta y uno (31) de dos mil uno (2001). \u00a0 La Sala S\u00e9ptima de Revisi\u00f3n de la Corte Constitucional, en ejercicio de sus competencias constitucionales y legales, espec\u00edficamente las previstas en los art\u00edculos 86 y 241, numeral ...<br \/><div class=\"pt-cv-rmwrap\"><a href=\"https:\/\/www.dmsjuridica.com\/buscador_20179478954\/corteconstitucionalcronologico202454587\/t-103-01\/\" class=\"_self pt-cv-readmore btn btn-success\" target=\"_self\">Ver Sentencia Completa...<\/a><\/div><\/div><\/div><\/div>\n<div class=\"col-md-12 col-sm-12 col-xs-12 pt-cv-content-item pt-cv-1-col\" ><div class='pt-cv-ifield'><a href=\"https:\/\/www.dmsjuridica.com\/buscador_20179478954\/corteconstitucionalcronologico202454587\/t-1029-01\/\" class=\"_self pt-cv-href-thumbnail pt-cv-thumb-default\" target=\"_self\" ><\/a>\n<div class=\"pt-cv-taxoterm above_title\"><a href='https:\/\/www.dmsjuridica.com\/buscador_20179478954\/corteconstitucionalcronologico202454587\/category\/buscar-en-toda-la-corte\/2001\/tutelas-2001\/' title='Tutelas 2001' class='pt-cv-tax-tutelas-2001'>Tutelas 2001<\/a><\/div>\n<h4 class=\"pt-cv-title\"><a href=\"https:\/\/www.dmsjuridica.com\/buscador_20179478954\/corteconstitucionalcronologico202454587\/t-1029-01\/\" class=\"_self\" target=\"_self\" >T-1029-01<\/a><\/h4>\n<div class=\"pt-cv-content\">\u00a0 \u00a0 Sentencia T-1029\/01 \u00a0 ACCION DE TUTELA CONTRA EL INSTITUTO COLOMBIANO DE BIENESTAR FAMILIAR-Improcedencia\/HOGARES COMUNITARIOS DE BIENESTAR-Cierre por hechos irregulares \u00a0 La Corte no tutelar\u00e1 el derecho fundamental al debido proceso pues \u00e9l no fue vulnerado por el Instituto Colombiano de Bienestar Familiar al expedir las resoluciones que ordenaron el cierre inmediato de los hogares comunitarios de bienestar a los que se encontraban vinculadas las actoras. \u00a0 Referencia: expediente T-454134 \u00a0 Magistrado Ponente: \u00a0 \u00a0 Dr. JAIME C\u00d3RDOBA TRIVI\u00d1O \u00a0 Bogot\u00e1, D.C., veintisiete (27) de septiembre de dos mil uno (2001). \u00a0 La Sala Cuarta de Revisi\u00f3n de la ...<br \/><div class=\"pt-cv-rmwrap\"><a href=\"https:\/\/www.dmsjuridica.com\/buscador_20179478954\/corteconstitucionalcronologico202454587\/t-1029-01\/\" class=\"_self pt-cv-readmore btn btn-success\" target=\"_self\">Ver Sentencia Completa...<\/a><\/div><\/div><\/div><\/div>\n<div class=\"col-md-12 col-sm-12 col-xs-12 pt-cv-content-item pt-cv-1-col\" ><div class='pt-cv-ifield'><a href=\"https:\/\/www.dmsjuridica.com\/buscador_20179478954\/corteconstitucionalcronologico202454587\/t-1028-01\/\" class=\"_self pt-cv-href-thumbnail pt-cv-thumb-default\" target=\"_self\" ><\/a>\n<div class=\"pt-cv-taxoterm above_title\"><a href='https:\/\/www.dmsjuridica.com\/buscador_20179478954\/corteconstitucionalcronologico202454587\/category\/buscar-en-toda-la-corte\/2001\/tutelas-2001\/' title='Tutelas 2001' class='pt-cv-tax-tutelas-2001'>Tutelas 2001<\/a><\/div>\n<h4 class=\"pt-cv-title\"><a href=\"https:\/\/www.dmsjuridica.com\/buscador_20179478954\/corteconstitucionalcronologico202454587\/t-1028-01\/\" class=\"_self\" target=\"_self\" >T-1028-01<\/a><\/h4>\n<div class=\"pt-cv-content\">\u00a0 \u00a0 Sentencia T-1028\/01 \u00a0 CEDULA DE CIUDADANIA-Finalidad \u00a0 CIUDADANIA-Presupuesto esencial para ejercicio de derechos pol\u00edticos \u00a0 CEDULA DE CIUDADANIA-Contrase\u00f1a no sirve de excusa para no expedir prontamente el documento \u00a0 REGISTRADURIA NACIONAL DEL ESTADO CIVIL-Exhortaci\u00f3n para que implemente una pol\u00edtica que permita oportuna prestaci\u00f3n del servicio p\u00fablico de cedulaci\u00f3n \u00a0 DERECHOS CIVILES Y POLITICOS-Vulneraci\u00f3n por no expedici\u00f3n de c\u00e9dula de ciudadan\u00eda \u00a0 Referencia: expedientes T- 489592, T-490259, T-490260, T-490874, T-491059, T-491060 \u00a0 Peticionarios: Ra\u00fal Cavadia Vel\u00e1squez, Maryory Vargas Torres, Darwin Ortiz L\u00f3pez, Alcides Castrill\u00f3n Serna, Carlos Luna Ch\u00e1vez y Edison Mosquera C\u00f3rdoba. \u00a0 Magistrado Ponente:\u00a0 \u00a0 Dr. ALFREDO BELTR\u00c1N ...<br \/><div class=\"pt-cv-rmwrap\"><a href=\"https:\/\/www.dmsjuridica.com\/buscador_20179478954\/corteconstitucionalcronologico202454587\/t-1028-01\/\" class=\"_self pt-cv-readmore btn btn-success\" target=\"_self\">Ver Sentencia Completa...<\/a><\/div><\/div><\/div><\/div>\n<div class=\"col-md-12 col-sm-12 col-xs-12 pt-cv-content-item pt-cv-1-col\" ><div class='pt-cv-ifield'><a href=\"https:\/\/www.dmsjuridica.com\/buscador_20179478954\/corteconstitucionalcronologico202454587\/t-1022-01\/\" class=\"_self pt-cv-href-thumbnail pt-cv-thumb-default\" target=\"_self\" ><\/a>\n<div class=\"pt-cv-taxoterm above_title\"><a href='https:\/\/www.dmsjuridica.com\/buscador_20179478954\/corteconstitucionalcronologico202454587\/category\/buscar-en-toda-la-corte\/2001\/tutelas-2001\/' title='Tutelas 2001' class='pt-cv-tax-tutelas-2001'>Tutelas 2001<\/a><\/div>\n<h4 class=\"pt-cv-title\"><a href=\"https:\/\/www.dmsjuridica.com\/buscador_20179478954\/corteconstitucionalcronologico202454587\/t-1022-01\/\" class=\"_self\" target=\"_self\" >T-1022-01<\/a><\/h4>\n<div class=\"pt-cv-content\">\u00a0 \u00a0 Sentencia T-1022\/01 \u00a0 COMUNIDAD INDIGENA-Movilidad cultural e identidad \u00a0 Las sociedades y las culturas se han ido formando y conformando paulatinamente a trav\u00e9s de la historia. La naturaleza humana va trazando las l\u00edneas de una nueva estructura, en un proceso vital que congrega un c\u00famulo de costumbres, tradiciones, sentimientos, actitudes, caracter\u00edsticos de una determinada colectividad. Esta realidad no es extra\u00f1a a las comunidades ind\u00edgenas, quienes desde la conquista y colonizaci\u00f3n europea del continente americano sufrieron la implantaci\u00f3n, generalmente violenta, de estructuras pol\u00edticas, religiosas, econ\u00f3micas y sociales con el fin -hoy por hoy bastante discutible- de \u201ccivilizar\u201d a estos ...<br \/><div class=\"pt-cv-rmwrap\"><a href=\"https:\/\/www.dmsjuridica.com\/buscador_20179478954\/corteconstitucionalcronologico202454587\/t-1022-01\/\" class=\"_self pt-cv-readmore btn btn-success\" target=\"_self\">Ver Sentencia Completa...<\/a><\/div><\/div><\/div><\/div>\n<div class=\"col-md-12 col-sm-12 col-xs-12 pt-cv-content-item pt-cv-1-col\" ><div class='pt-cv-ifield'><a href=\"https:\/\/www.dmsjuridica.com\/buscador_20179478954\/corteconstitucionalcronologico202454587\/t-1021-01\/\" class=\"_self pt-cv-href-thumbnail pt-cv-thumb-default\" target=\"_self\" ><\/a>\n<div class=\"pt-cv-taxoterm above_title\"><a href='https:\/\/www.dmsjuridica.com\/buscador_20179478954\/corteconstitucionalcronologico202454587\/category\/buscar-en-toda-la-corte\/2001\/tutelas-2001\/' title='Tutelas 2001' class='pt-cv-tax-tutelas-2001'>Tutelas 2001<\/a><\/div>\n<h4 class=\"pt-cv-title\"><a href=\"https:\/\/www.dmsjuridica.com\/buscador_20179478954\/corteconstitucionalcronologico202454587\/t-1021-01\/\" class=\"_self\" target=\"_self\" >T-1021-01<\/a><\/h4>\n<div class=\"pt-cv-content\">\u00a0 \u00a0 Sentencia T-1021\/01 \u00a0 \u00a0 \u00a0 \u00a0 \u00a0 \u00a0 \u00a0 \u00a0 \u00a0 \u00a0 \u00a0 \u00a0 \u00a0 \u00a0 \u00a0 \u00a0 \u00a0 \u00a0 \u00a0 \u00a0 \u00a0\u00a0 \u00a0 PROCESO DE JURISDICCION VOLUNTARIA-Declaratoria de interdicci\u00f3n por demencia\/VIA DE HECHO-Improcedencia de acci\u00f3n de tutela para atacar providencias judiciales de proceso en tr\u00e1mite \u00a0 La Sala considera que \u00a0la acci\u00f3n de tutela propuesta no es el camino jur\u00eddico para dejar si valor jur\u00eddico alguno la providencia adoptada por el Juzgado accionado mediante la cual decret\u00f3 la interdicci\u00f3n provisoria, porque, como bien se lee en la cita jurisprudencial de la Corte hecha en precedencia, la intervenci\u00f3n ...<br \/><div class=\"pt-cv-rmwrap\"><a href=\"https:\/\/www.dmsjuridica.com\/buscador_20179478954\/corteconstitucionalcronologico202454587\/t-1021-01\/\" class=\"_self pt-cv-readmore btn btn-success\" target=\"_self\">Ver Sentencia Completa...<\/a><\/div><\/div><\/div><\/div>\n<div class=\"col-md-12 col-sm-12 col-xs-12 pt-cv-content-item pt-cv-1-col\" ><div class='pt-cv-ifield'><a href=\"https:\/\/www.dmsjuridica.com\/buscador_20179478954\/corteconstitucionalcronologico202454587\/t-1020-01\/\" class=\"_self pt-cv-href-thumbnail pt-cv-thumb-default\" target=\"_self\" ><\/a>\n<div class=\"pt-cv-taxoterm above_title\"><a href='https:\/\/www.dmsjuridica.com\/buscador_20179478954\/corteconstitucionalcronologico202454587\/category\/buscar-en-toda-la-corte\/2001\/tutelas-2001\/' title='Tutelas 2001' class='pt-cv-tax-tutelas-2001'>Tutelas 2001<\/a><\/div>\n<h4 class=\"pt-cv-title\"><a href=\"https:\/\/www.dmsjuridica.com\/buscador_20179478954\/corteconstitucionalcronologico202454587\/t-1020-01\/\" class=\"_self\" target=\"_self\" >T-1020-01<\/a><\/h4>\n<div class=\"pt-cv-content\">\u00a0 \u00a0 Sentencia T-1020\/01 \u00a0 DERECHO DE PETICION EN CESANTIAS PARCIALES-Pronta resoluci\u00f3n y decisi\u00f3n de fondo \u00a0 DERECHO DE PETICION Y DERECHO A LO PEDIDO-Diferencias \u00a0 PARTIDA PRESUPUESTAL-Apropiaciones para pago de cesant\u00edas parciales \u00a0 FIDUCIARIA LA PREVISORA-Respuesta sobre solicitud de cesant\u00edas parciales \u00a0 Referencia: expediente T-464134. Acci\u00f3n de tutela promovida por Romelia de Jes\u00fas Vergara Rivera contra el Fondo Nacional de Prestaciones Sociales del Magisterio, Regional Medell\u00edn, y la Fiduciaria la Previsora S. A.\u00a0 \u00a0 Magistrada Ponente: \u00a0 Dra. CLARA IN\u00c9S VARGAS HERN\u00c1NDEZ \u00a0 Bogot\u00e1, \u00a0D. C., veintiuno (21) de septiembre de dos mil uno (2001). \u00a0 La Sala Novena ...<br \/><div class=\"pt-cv-rmwrap\"><a href=\"https:\/\/www.dmsjuridica.com\/buscador_20179478954\/corteconstitucionalcronologico202454587\/t-1020-01\/\" class=\"_self pt-cv-readmore btn btn-success\" target=\"_self\">Ver Sentencia Completa...<\/a><\/div><\/div><\/div><\/div>\n<div class=\"col-md-12 col-sm-12 col-xs-12 pt-cv-content-item pt-cv-1-col\" ><div class='pt-cv-ifield'><a href=\"https:\/\/www.dmsjuridica.com\/buscador_20179478954\/corteconstitucionalcronologico202454587\/t-102-01\/\" class=\"_self pt-cv-href-thumbnail pt-cv-thumb-default\" target=\"_self\" ><\/a>\n<div class=\"pt-cv-taxoterm above_title\"><a href='https:\/\/www.dmsjuridica.com\/buscador_20179478954\/corteconstitucionalcronologico202454587\/category\/buscar-en-toda-la-corte\/2001\/tutelas-2001\/' title='Tutelas 2001' class='pt-cv-tax-tutelas-2001'>Tutelas 2001<\/a><\/div>\n<h4 class=\"pt-cv-title\"><a href=\"https:\/\/www.dmsjuridica.com\/buscador_20179478954\/corteconstitucionalcronologico202454587\/t-102-01\/\" class=\"_self\" target=\"_self\" >T-102-01<\/a><\/h4>\n<div class=\"pt-cv-content\">\u00a0 \u00a0 Sentencia T-102\/01 \u00a0 SISTEMA DE CARRERA-Provisi\u00f3n de vacantes atendiendo lista de elegibles y en estricto orden de resultados \u00a0 SISTEMA DE CARRERA ADMINISTRATIVA Y JUDICIAL-M\u00e9rito como elemento esencial \u00a0 CARRERA JUDICIAL-Inexistencia de distinciones entre lista de elegibles y lista de candidatos\/CARRERA JUDICIAL-Nombramiento de funcionarios y empleados que obtuvieron el primer puesto \u00a0 DERECHO DE ACCESO AL DESEMPE\u00d1O DE FUNCIONES Y CARGOS PUBLICOS-Efectividad de la tutela para proteger derechos a quien no le respetan lugar de ubicaci\u00f3n en lista de elegibles \u00a0 Es evidente que la reelaboraci\u00f3n de las listas de elegibles (cuando inconstitucionalmente se ha excluido a un ...<br \/><div class=\"pt-cv-rmwrap\"><a href=\"https:\/\/www.dmsjuridica.com\/buscador_20179478954\/corteconstitucionalcronologico202454587\/t-102-01\/\" class=\"_self pt-cv-readmore btn btn-success\" target=\"_self\">Ver Sentencia Completa...<\/a><\/div><\/div><\/div><\/div>\n<div class=\"col-md-12 col-sm-12 col-xs-12 pt-cv-content-item pt-cv-1-col\" ><div class='pt-cv-ifield'><a href=\"https:\/\/www.dmsjuridica.com\/buscador_20179478954\/corteconstitucionalcronologico202454587\/t-1019-01\/\" class=\"_self pt-cv-href-thumbnail pt-cv-thumb-default\" target=\"_self\" ><\/a>\n<div class=\"pt-cv-taxoterm above_title\"><a href='https:\/\/www.dmsjuridica.com\/buscador_20179478954\/corteconstitucionalcronologico202454587\/category\/buscar-en-toda-la-corte\/2001\/tutelas-2001\/' title='Tutelas 2001' class='pt-cv-tax-tutelas-2001'>Tutelas 2001<\/a><\/div>\n<h4 class=\"pt-cv-title\"><a href=\"https:\/\/www.dmsjuridica.com\/buscador_20179478954\/corteconstitucionalcronologico202454587\/t-1019-01\/\" class=\"_self\" target=\"_self\" >T-1019-01<\/a><\/h4>\n<div class=\"pt-cv-content\">\u00a0 \u00a0 Sentencia T-1019\/01 \u00a0 APODERADO JUDICIAL-Representaci\u00f3n de derechos ajenos \u00a0 ACCION DE TUTELA INTERPUESTA POR ABOGADO-Necesidad del poder\/FALTA DE LEGITIMACION POR ACTIVA EN TUTELA-Abogado sin poder para actuar \u00a0 Referencia: expedientes T-462544. Acci\u00f3n de tutela promovida por \u00c1ngel P\u00edo S\u00e1nchez Lozano contra el Fondo Nacional de Prestaciones Sociales del Magisterio, Regional Valle del Cauca. \u00a0 Magistrada Ponente: \u00a0 Dra. CLARA IN\u00c9S VARGAS HERN\u00c1NDEZ \u00a0 Bogot\u00e1, D. C., veintiuno (21) de septiembre de dos mil uno (2001). \u00a0 \u00a0\u00a0 \u00a0 La Sala Novena de Revisi\u00f3n de Tutelas de la Corte Constitucional, integrada por los Magistrados CLARA IN\u00c9S VARGAS HERN\u00c1NDEZ, JAIME ...<br \/><div class=\"pt-cv-rmwrap\"><a href=\"https:\/\/www.dmsjuridica.com\/buscador_20179478954\/corteconstitucionalcronologico202454587\/t-1019-01\/\" class=\"_self pt-cv-readmore btn btn-success\" target=\"_self\">Ver Sentencia Completa...<\/a><\/div><\/div><\/div><\/div>\n<div class=\"col-md-12 col-sm-12 col-xs-12 pt-cv-content-item pt-cv-1-col\" ><div class='pt-cv-ifield'><a href=\"https:\/\/www.dmsjuridica.com\/buscador_20179478954\/corteconstitucionalcronologico202454587\/t-1018-01\/\" class=\"_self pt-cv-href-thumbnail pt-cv-thumb-default\" target=\"_self\" ><\/a>\n<div class=\"pt-cv-taxoterm above_title\"><a href='https:\/\/www.dmsjuridica.com\/buscador_20179478954\/corteconstitucionalcronologico202454587\/category\/buscar-en-toda-la-corte\/2001\/tutelas-2001\/' title='Tutelas 2001' class='pt-cv-tax-tutelas-2001'>Tutelas 2001<\/a><\/div>\n<h4 class=\"pt-cv-title\"><a href=\"https:\/\/www.dmsjuridica.com\/buscador_20179478954\/corteconstitucionalcronologico202454587\/t-1018-01\/\" class=\"_self\" target=\"_self\" >T-1018-01<\/a><\/h4>\n<div class=\"pt-cv-content\">\u00a0 \u00a0 Sentencia T-1018\/01 \u00a0 ENTIDAD PROMOTORA DE SALUD-Deber de suministrar tratamiento y medicamentos a enfermos de sida\/ENTIDAD PROMOTORA DE SALUD-Repetici\u00f3n contra el FOSYGA \u00a0 DERECHO A LA SALUD DEL ENFERMO DE SIDA-Realizaci\u00f3n examen de carga viral\/DERECHO A LA SALUD DEL ENFERMO DE SIDA-Examen de carga viral fundamental para tratamiento del sida\/DERECHO A LA SALUD-Conexidad con la vida \u00a0 Referencia: expediente T-463736. Acci\u00f3n de tutela presentada por Balmer Arbel\u00e1ez Piedrahita contra Susalud Medicina Prepagada S. A. \u00a0EPS. \u00a0 Magistrada ponente: \u00a0 Dra. CLARA IN\u00c9S VARGAS HERN\u00c1NDEZ \u00a0 Bogot\u00e1, D. C., veintiuno (21) de septiembre de dos mil uno (2001). \u00a0 ...<br \/><div class=\"pt-cv-rmwrap\"><a href=\"https:\/\/www.dmsjuridica.com\/buscador_20179478954\/corteconstitucionalcronologico202454587\/t-1018-01\/\" class=\"_self pt-cv-readmore btn btn-success\" target=\"_self\">Ver Sentencia Completa...<\/a><\/div><\/div><\/div><\/div>\n<div class=\"col-md-12 col-sm-12 col-xs-12 pt-cv-content-item pt-cv-1-col\" ><div class='pt-cv-ifield'><a href=\"https:\/\/www.dmsjuridica.com\/buscador_20179478954\/corteconstitucionalcronologico202454587\/t-1017-01\/\" class=\"_self pt-cv-href-thumbnail pt-cv-thumb-default\" target=\"_self\" ><\/a>\n<div class=\"pt-cv-taxoterm above_title\"><a href='https:\/\/www.dmsjuridica.com\/buscador_20179478954\/corteconstitucionalcronologico202454587\/category\/buscar-en-toda-la-corte\/2001\/tutelas-2001\/' title='Tutelas 2001' class='pt-cv-tax-tutelas-2001'>Tutelas 2001<\/a><\/div>\n<h4 class=\"pt-cv-title\"><a href=\"https:\/\/www.dmsjuridica.com\/buscador_20179478954\/corteconstitucionalcronologico202454587\/t-1017-01\/\" class=\"_self\" target=\"_self\" >T-1017-01<\/a><\/h4>\n<div class=\"pt-cv-content\">\u00a0 \u00a0 Sentencia T-1017\/01 \u00a0 ACCION DE TUTELA-Procedencia excepcional pago de acreencias laborales\/DERECHO AL MINIMO VITAL DEL TRABAJADOR-Pago oportuno de salarios \u00a0 PARTIDA PRESUPUESTAL-Gesti\u00f3n y distribuci\u00f3n para pago oportuno de salarios \u00a0 -Reiteraci\u00f3n de Jurisprudencia- \u00a0 Referencia: expediente T-471339\u00a0 \u00a0 Acciones de tutela instaurada \u00a0por la se\u00f1ora Trinidad Chav\u00e9z de la Hoz contra la Alcald\u00eda Distrital, la Tesorer\u00eda y el Fondo Distrital de Pensiones de Santa Marta. \u00a0 Magistrado Ponente: \u00a0 Dr. EDUARDO MONTEALEGRE LYNETT.\u00a0 \u00a0 Bogot\u00e1, D.C. veinte (20) de septiembre de dos mil uno (2001). \u00a0 SENTENCIA \u00a0 dentro del proceso de revisi\u00f3n de los fallos proferidos por ...<br \/><div class=\"pt-cv-rmwrap\"><a href=\"https:\/\/www.dmsjuridica.com\/buscador_20179478954\/corteconstitucionalcronologico202454587\/t-1017-01\/\" class=\"_self pt-cv-readmore btn btn-success\" target=\"_self\">Ver Sentencia Completa...<\/a><\/div><\/div><\/div><\/div>\n<div class=\"col-md-12 col-sm-12 col-xs-12 pt-cv-content-item pt-cv-1-col\" ><div class='pt-cv-ifield'><a href=\"https:\/\/www.dmsjuridica.com\/buscador_20179478954\/corteconstitucionalcronologico202454587\/t-1016-01\/\" class=\"_self pt-cv-href-thumbnail pt-cv-thumb-default\" target=\"_self\" ><\/a>\n<div class=\"pt-cv-taxoterm above_title\"><a href='https:\/\/www.dmsjuridica.com\/buscador_20179478954\/corteconstitucionalcronologico202454587\/category\/buscar-en-toda-la-corte\/2001\/tutelas-2001\/' title='Tutelas 2001' class='pt-cv-tax-tutelas-2001'>Tutelas 2001<\/a><\/div>\n<h4 class=\"pt-cv-title\"><a href=\"https:\/\/www.dmsjuridica.com\/buscador_20179478954\/corteconstitucionalcronologico202454587\/t-1016-01\/\" class=\"_self\" target=\"_self\" >T-1016-01<\/a><\/h4>\n<div class=\"pt-cv-content\">\u00a0 \u00a0 Sentencia T-1016\/01 \u00a0 DERECHO A LA PENSION DE JUBILACION-Tr\u00e1mite administrativo o presupuestal no impide pago oportuno de mesadas\/DERECHO AL MINIMO VITAL DEL PENSIONADO-Pago oportuno de mesadas \u00a0 FUNDACION SAN JUAN DE DIOS-Pago de mesadas pensionales \u00a0 - Reiteraci\u00f3n de Jurisprudencia - \u00a0 Referencia: expediente T-414682. \u00a0 Acci\u00f3n de tutela instaurada por Zoraida Aurora Reyes contra el Ministerio de Salud - Fondo del Pasivo Prestacional del Sector Salud - y la Fundaci\u00f3n San Juan de Dios de Bogot\u00e1 D.C. \u00a0 Magistrado Ponente: \u00a0 Bogot\u00e1 D. C., veinte (20) de septiembre de dos mil uno (2001). \u00a0 La Sala S\u00e9ptima ...<br \/><div class=\"pt-cv-rmwrap\"><a href=\"https:\/\/www.dmsjuridica.com\/buscador_20179478954\/corteconstitucionalcronologico202454587\/t-1016-01\/\" class=\"_self pt-cv-readmore btn btn-success\" target=\"_self\">Ver Sentencia Completa...<\/a><\/div><\/div><\/div><\/div>\n<div class=\"col-md-12 col-sm-12 col-xs-12 pt-cv-content-item pt-cv-1-col\" ><div class='pt-cv-ifield'><a href=\"https:\/\/www.dmsjuridica.com\/buscador_20179478954\/corteconstitucionalcronologico202454587\/t-1015-01\/\" class=\"_self pt-cv-href-thumbnail pt-cv-thumb-default\" target=\"_self\" ><\/a>\n<div class=\"pt-cv-taxoterm above_title\"><a href='https:\/\/www.dmsjuridica.com\/buscador_20179478954\/corteconstitucionalcronologico202454587\/category\/buscar-en-toda-la-corte\/2001\/tutelas-2001\/' title='Tutelas 2001' class='pt-cv-tax-tutelas-2001'>Tutelas 2001<\/a><\/div>\n<h4 class=\"pt-cv-title\"><a href=\"https:\/\/www.dmsjuridica.com\/buscador_20179478954\/corteconstitucionalcronologico202454587\/t-1015-01\/\" class=\"_self\" target=\"_self\" >T-1015-01<\/a><\/h4>\n<div class=\"pt-cv-content\">\u00a0 \u00a0 Sentencia T-1015\/01\u00a0 \u00a0 DERECHO DE PETICION-No constituye respuesta estado del tr\u00e1mite de solicitud \u00a0 DERECHO DE PETICION-Pronta resoluci\u00f3n equivale a quince d\u00edas mientras legislador fija t\u00e9rmino distinto\/DERECHO DE PETICION ANTE EL SEGURO SOCIAL-Aplicaci\u00f3n anal\u00f3gica de t\u00e9rmino de cuatro meses para resolver reconocimiento de pensiones legales \u00a0 BONOS PENSIONALES-Demora en la emisi\u00f3n impide acceso a pensi\u00f3n de jubilaci\u00f3n \u00a0 Reiteraci\u00f3n de Jurisprudencia \u00a0 Acci\u00f3n de tutela instaurada por Mar\u00eda Dolores Pedraza Rubiano, contra el Instituto de los Seguros Sociales. \u00a0 Magistrado Ponente: \u00a0 Dr. JAIME ARAUJO RENTERIA. \u00a0 Bogot\u00e1 D. C., a los veinte (20) d\u00edas del mes de ...<br \/><div class=\"pt-cv-rmwrap\"><a href=\"https:\/\/www.dmsjuridica.com\/buscador_20179478954\/corteconstitucionalcronologico202454587\/t-1015-01\/\" class=\"_self pt-cv-readmore btn btn-success\" target=\"_self\">Ver Sentencia Completa...<\/a><\/div><\/div><\/div><\/div>\n<div class=\"col-md-12 col-sm-12 col-xs-12 pt-cv-content-item pt-cv-1-col\" ><div class='pt-cv-ifield'><a href=\"https:\/\/www.dmsjuridica.com\/buscador_20179478954\/corteconstitucionalcronologico202454587\/t-1014-01\/\" class=\"_self pt-cv-href-thumbnail pt-cv-thumb-default\" target=\"_self\" ><\/a>\n<div class=\"pt-cv-taxoterm above_title\"><a href='https:\/\/www.dmsjuridica.com\/buscador_20179478954\/corteconstitucionalcronologico202454587\/category\/buscar-en-toda-la-corte\/2001\/tutelas-2001\/' title='Tutelas 2001' class='pt-cv-tax-tutelas-2001'>Tutelas 2001<\/a><\/div>\n<h4 class=\"pt-cv-title\"><a href=\"https:\/\/www.dmsjuridica.com\/buscador_20179478954\/corteconstitucionalcronologico202454587\/t-1014-01\/\" class=\"_self\" target=\"_self\" >T-1014-01<\/a><\/h4>\n<div class=\"pt-cv-content\">\u00a0 \u00a0 Sentencia T-1014\/01 \u00a0 DERECHO DE PETICION-Alcance \u00a0 DERECHO DE PETICION-Pronta resoluci\u00f3n equivale a quince d\u00edas mientras legislador fija t\u00e9rmino distinto\/DERECHO DE PETICION ANTE CAJANAL-Aplicaci\u00f3n anal\u00f3gica de t\u00e9rmino de cuatro meses para resolver reconocimiento de pensiones legales \u00a0 BONOS PENSIONALES-Expedici\u00f3n y emisi\u00f3n \u00a0 DERECHO DE PETICION-Falta de competencia de la entidad ante quien se plantea no la exonera del deber de responder \u00a0 Se considera que la petici\u00f3n del actor debe responderse por CAJANAL acorde a lo dispuesto en los art\u00edculo 6\u00ba y siguientes del C.C.A. y en particular a lo se\u00f1alado en el art\u00edculo 33 informando que no ...<br \/><div class=\"pt-cv-rmwrap\"><a href=\"https:\/\/www.dmsjuridica.com\/buscador_20179478954\/corteconstitucionalcronologico202454587\/t-1014-01\/\" class=\"_self pt-cv-readmore btn btn-success\" target=\"_self\">Ver Sentencia Completa...<\/a><\/div><\/div><\/div><\/div>\n<div class=\"col-md-12 col-sm-12 col-xs-12 pt-cv-content-item pt-cv-1-col\" ><div class='pt-cv-ifield'><a href=\"https:\/\/www.dmsjuridica.com\/buscador_20179478954\/corteconstitucionalcronologico202454587\/t-1013-01\/\" class=\"_self pt-cv-href-thumbnail pt-cv-thumb-default\" target=\"_self\" ><\/a>\n<div class=\"pt-cv-taxoterm above_title\"><a href='https:\/\/www.dmsjuridica.com\/buscador_20179478954\/corteconstitucionalcronologico202454587\/category\/buscar-en-toda-la-corte\/2001\/tutelas-2001\/' title='Tutelas 2001' class='pt-cv-tax-tutelas-2001'>Tutelas 2001<\/a><\/div>\n<h4 class=\"pt-cv-title\"><a href=\"https:\/\/www.dmsjuridica.com\/buscador_20179478954\/corteconstitucionalcronologico202454587\/t-1013-01\/\" class=\"_self\" target=\"_self\" >T-1013-01<\/a><\/h4>\n<div class=\"pt-cv-content\">\u00a0 \u00a0 Sentencia T-1013\/01 \u00a0 PRINCIPIO PRO ACTIONE-Finalidad \u00a0 Para determinar la procedencia o no de esta acci\u00f3n de tutela, habr\u00e1 de acudirse al principio pro actione, entendido como el conjunto de instrumentos puestos al servicio del derecho sustancial, y que permite determinar, en \u00faltimas, si ha habido violaci\u00f3n al derecho fundamental de acceso a la administraci\u00f3n de justicia, como lo se\u00f1ala el demandante. \u00a0 PERDIDA DE INVESTIDURA DEL CONGRESISTA-Competencia de la Sala Contencioso Administrativa del Consejo de Estado \u00a0 RECURSO DE REVISION CONTRA SENTENCIA DE PERDIDA DE INVESTIDURA-Juez competente \u00a0 RECURSO DE REVISION-Distintas oportunidades de presentaci\u00f3n ante el Consejo ...<br \/><div class=\"pt-cv-rmwrap\"><a href=\"https:\/\/www.dmsjuridica.com\/buscador_20179478954\/corteconstitucionalcronologico202454587\/t-1013-01\/\" class=\"_self pt-cv-readmore btn btn-success\" target=\"_self\">Ver Sentencia Completa...<\/a><\/div><\/div><\/div><\/div>\n<div class=\"col-md-12 col-sm-12 col-xs-12 pt-cv-content-item pt-cv-1-col\" ><div class='pt-cv-ifield'><a href=\"https:\/\/www.dmsjuridica.com\/buscador_20179478954\/corteconstitucionalcronologico202454587\/t-1012-01\/\" class=\"_self pt-cv-href-thumbnail pt-cv-thumb-default\" target=\"_self\" ><\/a>\n<div class=\"pt-cv-taxoterm above_title\"><a href='https:\/\/www.dmsjuridica.com\/buscador_20179478954\/corteconstitucionalcronologico202454587\/category\/buscar-en-toda-la-corte\/2001\/tutelas-2001\/' title='Tutelas 2001' class='pt-cv-tax-tutelas-2001'>Tutelas 2001<\/a><\/div>\n<h4 class=\"pt-cv-title\"><a href=\"https:\/\/www.dmsjuridica.com\/buscador_20179478954\/corteconstitucionalcronologico202454587\/t-1012-01\/\" class=\"_self\" target=\"_self\" >T-1012-01<\/a><\/h4>\n<div class=\"pt-cv-content\">\u00a0 \u00a0 Sentencia T-1012\/01 \u00a0 AGENCIA OFICIOSA EN TUTELA-Madre en representaci\u00f3n de hijo mayor de edad\/FALTA DE LEGITIMACION POR ACTIVA EN TUTELA-Madre en representaci\u00f3n de hijo mayor de edad \u00a0 LEGITIMACION POR ACTIVA EN TUTELA-Relaci\u00f3n filial no leg\u00edtima para interponer tutela a favor de hijo mayor de edad \u00a0 La relaci\u00f3n filial no legitima el actuar del padre o de la madre para interponer la acci\u00f3n de tutela a favor de un hijo mayor de edad, salvo que se demuestre que el interesado se encuentra imposibilitado para promover la tutela en defensa de sus inter\u00e9s. Conforme a lo expuesto, debe ...<br \/><div class=\"pt-cv-rmwrap\"><a href=\"https:\/\/www.dmsjuridica.com\/buscador_20179478954\/corteconstitucionalcronologico202454587\/t-1012-01\/\" class=\"_self pt-cv-readmore btn btn-success\" target=\"_self\">Ver Sentencia Completa...<\/a><\/div><\/div><\/div><\/div>\n<div class=\"col-md-12 col-sm-12 col-xs-12 pt-cv-content-item pt-cv-1-col\" ><div class='pt-cv-ifield'><a href=\"https:\/\/www.dmsjuridica.com\/buscador_20179478954\/corteconstitucionalcronologico202454587\/t-1011-01\/\" class=\"_self pt-cv-href-thumbnail pt-cv-thumb-default\" target=\"_self\" ><\/a>\n<div class=\"pt-cv-taxoterm above_title\"><a href='https:\/\/www.dmsjuridica.com\/buscador_20179478954\/corteconstitucionalcronologico202454587\/category\/buscar-en-toda-la-corte\/2001\/tutelas-2001\/' title='Tutelas 2001' class='pt-cv-tax-tutelas-2001'>Tutelas 2001<\/a><\/div>\n<h4 class=\"pt-cv-title\"><a href=\"https:\/\/www.dmsjuridica.com\/buscador_20179478954\/corteconstitucionalcronologico202454587\/t-1011-01\/\" class=\"_self\" target=\"_self\" >T-1011-01<\/a><\/h4>\n<div class=\"pt-cv-content\">\u00a0 \u00a0 Sentencia T-1011\/01 \u00a0 ESTUDIANTE EMBARAZADA-No justifica expulsi\u00f3n o cancelaci\u00f3n de matr\u00edcula estudiantil \u00a0 La Corte Constitucional ha precisado que el embarazo de una estudiante, nunca puede constituirse en un hecho que limite o restrinja su derecho a la educaci\u00f3n, no obstante existir una norma contemplada en el manual de convivencia que se\u00f1ale que el estado de gravidez de una alumna amerita su expulsi\u00f3n, debe \u00e9sta ser inaplicada, por ser contraria a la Carta Pol\u00edtica, en la medida que su \u00fanico prop\u00f3sito, ser\u00e1 avalar la vulneraci\u00f3n del derecho a la educaci\u00f3n, al debido proceso y el libre desarrollo de ...<br \/><div class=\"pt-cv-rmwrap\"><a href=\"https:\/\/www.dmsjuridica.com\/buscador_20179478954\/corteconstitucionalcronologico202454587\/t-1011-01\/\" class=\"_self pt-cv-readmore btn btn-success\" target=\"_self\">Ver Sentencia Completa...<\/a><\/div><\/div><\/div><\/div>\n<div class=\"col-md-12 col-sm-12 col-xs-12 pt-cv-content-item pt-cv-1-col\" ><div class='pt-cv-ifield'><a href=\"https:\/\/www.dmsjuridica.com\/buscador_20179478954\/corteconstitucionalcronologico202454587\/t-1010-01\/\" class=\"_self pt-cv-href-thumbnail pt-cv-thumb-default\" target=\"_self\" ><\/a>\n<div class=\"pt-cv-taxoterm above_title\"><a href='https:\/\/www.dmsjuridica.com\/buscador_20179478954\/corteconstitucionalcronologico202454587\/category\/buscar-en-toda-la-corte\/2001\/tutelas-2001\/' title='Tutelas 2001' class='pt-cv-tax-tutelas-2001'>Tutelas 2001<\/a><\/div>\n<h4 class=\"pt-cv-title\"><a href=\"https:\/\/www.dmsjuridica.com\/buscador_20179478954\/corteconstitucionalcronologico202454587\/t-1010-01\/\" class=\"_self\" target=\"_self\" >T-1010-01<\/a><\/h4>\n<div class=\"pt-cv-content\">\u00a0 \u00a0 Sentencia T-1010\/01 \u00a0 ACCION DE TUTELA-Procedencia excepcional para ordenar reconocimiento de pensi\u00f3n \u00a0 MEDIO DE DEFENSA JUDICIAL-Reconocimiento de pensiones \u00a0 PRINCIPIO DE LA BUENA FE-Ambito de acci\u00f3n \u00a0 JUEZ DE TUTELA-Valoraci\u00f3n de pruebas de los intervinientes \u00a0 Referencia: expediente T-463701\u00a0 \u00a0 Acci\u00f3n de tutela instaurada por Arturo Salcedo Murcia contra el Municipio de Guadalupe (Huila) y el Instituto de Seguro Social, Seccional Risaralda. \u00a0\u00a0 \u00a0 Magistrado Ponente: \u00a0 Dr. JAIME C\u00d3RDOBA TRIVI\u00d1O \u00a0 Bogot\u00e1, D.C., 20 de septiembre de dos mil uno (2001). \u00a0 La Sala Cuarta de Revisi\u00f3n de la Corte Constitucional, en ejercicio de sus competencias ...<br \/><div class=\"pt-cv-rmwrap\"><a href=\"https:\/\/www.dmsjuridica.com\/buscador_20179478954\/corteconstitucionalcronologico202454587\/t-1010-01\/\" class=\"_self pt-cv-readmore btn btn-success\" target=\"_self\">Ver Sentencia Completa...<\/a><\/div><\/div><\/div><\/div>\n<div class=\"col-md-12 col-sm-12 col-xs-12 pt-cv-content-item pt-cv-1-col\" ><div class='pt-cv-ifield'><a href=\"https:\/\/www.dmsjuridica.com\/buscador_20179478954\/corteconstitucionalcronologico202454587\/t-101-01\/\" class=\"_self pt-cv-href-thumbnail pt-cv-thumb-default\" target=\"_self\" ><\/a>\n<div class=\"pt-cv-taxoterm above_title\"><a href='https:\/\/www.dmsjuridica.com\/buscador_20179478954\/corteconstitucionalcronologico202454587\/category\/buscar-en-toda-la-corte\/2001\/tutelas-2001\/' title='Tutelas 2001' class='pt-cv-tax-tutelas-2001'>Tutelas 2001<\/a><\/div>\n<h4 class=\"pt-cv-title\"><a href=\"https:\/\/www.dmsjuridica.com\/buscador_20179478954\/corteconstitucionalcronologico202454587\/t-101-01\/\" class=\"_self\" target=\"_self\" >T-101-01<\/a><\/h4>\n<div class=\"pt-cv-content\">\u00a0 \u00a0 Sentencia T-101\/01 \u00a0 EMPLEADOR-Asunci\u00f3n de responsabilidad por mora en aportes en salud \u00a0 DERECHO A LA SALUD-Fundamental por conexidad con la vida \u00a0 Reiteraci\u00f3n de Jurisprudencia \u00a0 Referencia: expediente T- 363305 \u00a0 Acci\u00f3n de tutela instaurada por Arist\u00f3bulo L\u00f3pez Rodr\u00edguez contra el Instituto de Seguros Sociales. \u00a0 Magistrada Ponente (e): \u00a0 Dra. CRISTINA PARDO SCHLESINGER \u00a0 Bogot\u00e1, D.C., treinta y uno (31) de enero de dos mil uno (2001). \u00a0 La Sala Octava de Revisi\u00f3n de la Corte Constitucional, en ejercicio de sus competencias constitucionales y legales, en particular las contenidas en los art\u00edculos 86 y 241, numeral ...<br \/><div class=\"pt-cv-rmwrap\"><a href=\"https:\/\/www.dmsjuridica.com\/buscador_20179478954\/corteconstitucionalcronologico202454587\/t-101-01\/\" class=\"_self pt-cv-readmore btn btn-success\" target=\"_self\">Ver Sentencia Completa...<\/a><\/div><\/div><\/div><\/div>\n<div class=\"col-md-12 col-sm-12 col-xs-12 pt-cv-content-item pt-cv-1-col\" ><div class='pt-cv-ifield'><a href=\"https:\/\/www.dmsjuridica.com\/buscador_20179478954\/corteconstitucionalcronologico202454587\/t-1009-01\/\" class=\"_self pt-cv-href-thumbnail pt-cv-thumb-default\" target=\"_self\" ><\/a>\n<div class=\"pt-cv-taxoterm above_title\"><a href='https:\/\/www.dmsjuridica.com\/buscador_20179478954\/corteconstitucionalcronologico202454587\/category\/buscar-en-toda-la-corte\/2001\/tutelas-2001\/' title='Tutelas 2001' class='pt-cv-tax-tutelas-2001'>Tutelas 2001<\/a><\/div>\n<h4 class=\"pt-cv-title\"><a href=\"https:\/\/www.dmsjuridica.com\/buscador_20179478954\/corteconstitucionalcronologico202454587\/t-1009-01\/\" class=\"_self\" target=\"_self\" >T-1009-01<\/a><\/h4>\n<div class=\"pt-cv-content\">\u00a0 \u00a0 Sentencia T-1009\/01 \u00a0 ACCION DE TUTELA CONTRA PROVIDENCIAS JUDICIALES-Procedencia excepcional por v\u00eda de hecho judicial \u00a0 VIA DE HECHO-An\u00e1lisis y valoraci\u00f3n de pruebas por jueces \u00a0 En aquellos eventos en que los poderes de la jurisdicci\u00f3n se ejercen desconociendo el marco constitucional y legal que lo dota de racionalidad y ello produce el efecto de conculcar derechos fundamentales, es posible la intervenci\u00f3n del juez constitucional en procura de brindar la protecci\u00f3n que tales derechos ameritan. Y precisamente uno de tales supuestos se presenta cuando el juez ejerce de manera ileg\u00edtima el poder de valoraci\u00f3n de las pruebas que ...<br \/><div class=\"pt-cv-rmwrap\"><a href=\"https:\/\/www.dmsjuridica.com\/buscador_20179478954\/corteconstitucionalcronologico202454587\/t-1009-01\/\" class=\"_self pt-cv-readmore btn btn-success\" target=\"_self\">Ver Sentencia Completa...<\/a><\/div><\/div><\/div><\/div>\n<div class=\"col-md-12 col-sm-12 col-xs-12 pt-cv-content-item pt-cv-1-col\" ><div class='pt-cv-ifield'><a href=\"https:\/\/www.dmsjuridica.com\/buscador_20179478954\/corteconstitucionalcronologico202454587\/t-1008-01\/\" class=\"_self pt-cv-href-thumbnail pt-cv-thumb-default\" target=\"_self\" ><\/a>\n<div class=\"pt-cv-taxoterm above_title\"><a href='https:\/\/www.dmsjuridica.com\/buscador_20179478954\/corteconstitucionalcronologico202454587\/category\/buscar-en-toda-la-corte\/2001\/tutelas-2001\/' title='Tutelas 2001' class='pt-cv-tax-tutelas-2001'>Tutelas 2001<\/a><\/div>\n<h4 class=\"pt-cv-title\"><a href=\"https:\/\/www.dmsjuridica.com\/buscador_20179478954\/corteconstitucionalcronologico202454587\/t-1008-01\/\" class=\"_self\" target=\"_self\" >T-1008-01<\/a><\/h4>\n<div class=\"pt-cv-content\">\u00a0 \u00a0 Sentencia T-1008\/01 \u00a0 MUJER TRABAJADORA EMBARAZADA-Protecci\u00f3n constitucional especial \u00a0 ACCION DE TUTELA TRANSITORIA DE MUJER EMBARAZADA-Elementos f\u00e1cticos que deben demostrarse \u00a0 JUEZ DE TUTELA-Necesidad de practicar pruebas \u00a0 Esta Corporaci\u00f3n ha sostenido la obligaci\u00f3n que le asiste a los jueces de tutela de practicar pruebas cuando en el proceso no obren suficientes elementos de juicio para decidir el asunto sometido a su consideraci\u00f3n, si se tiene en cuenta que la labor constitucional encomendada es precisamente la protecci\u00f3n de los derechos fundamentales. \u00a0 DESPIDO DE MUJER EMBARAZADA-Permiso del inspector de trabajo \u00a0 ACCION DE TUTELA TRANSITORIA DE MUJER EMBARAZADA-Protecci\u00f3n ...<br \/><div class=\"pt-cv-rmwrap\"><a href=\"https:\/\/www.dmsjuridica.com\/buscador_20179478954\/corteconstitucionalcronologico202454587\/t-1008-01\/\" class=\"_self pt-cv-readmore btn btn-success\" target=\"_self\">Ver Sentencia Completa...<\/a><\/div><\/div><\/div><\/div>\n<div class=\"col-md-12 col-sm-12 col-xs-12 pt-cv-content-item pt-cv-1-col\" ><div class='pt-cv-ifield'><a href=\"https:\/\/www.dmsjuridica.com\/buscador_20179478954\/corteconstitucionalcronologico202454587\/t-1007-01\/\" class=\"_self pt-cv-href-thumbnail pt-cv-thumb-default\" target=\"_self\" ><\/a>\n<div class=\"pt-cv-taxoterm above_title\"><a href='https:\/\/www.dmsjuridica.com\/buscador_20179478954\/corteconstitucionalcronologico202454587\/category\/buscar-en-toda-la-corte\/2001\/tutelas-2001\/' title='Tutelas 2001' class='pt-cv-tax-tutelas-2001'>Tutelas 2001<\/a><\/div>\n<h4 class=\"pt-cv-title\"><a href=\"https:\/\/www.dmsjuridica.com\/buscador_20179478954\/corteconstitucionalcronologico202454587\/t-1007-01\/\" class=\"_self\" target=\"_self\" >T-1007-01<\/a><\/h4>\n<div class=\"pt-cv-content\">\u00a0 \u00a0 Sentencia T-1007\/01 \u00a0 AGENCIA OFICIOSA EN TUTELA-Hermano del afectado en salud \u00a0 PLAN OBLIGATORIO DE SALUD-Exclusi\u00f3n de medicamentos \u00a0 DERECHO A LA VIDA Y A LA DIGNIDAD HUMANA-No existe prueba de vulneraci\u00f3n por no entrega de medicamentos \u00a0 \u00a0 Reiteraci\u00f3n de Jurisprudencia \u00a0 Referencia: expediente T-462769 \u00a0 Acci\u00f3n de tutela instaurada por Jorge Orlando Londo\u00f1o Santamar\u00eda contra la E.P.S UNIMEC. \u00a0 Magistrado Ponente: \u00a0 Dr. ALVARO TAFUR GALVIS \u00a0 Bogot\u00e1, D.C., a los veinte (20) d\u00edas del mes de septiembre de dos mil uno (2001). \u00a0 La Sala Octava de Revisi\u00f3n de la Corte Constitucional, en ejercicio de ...<br \/><div class=\"pt-cv-rmwrap\"><a href=\"https:\/\/www.dmsjuridica.com\/buscador_20179478954\/corteconstitucionalcronologico202454587\/t-1007-01\/\" class=\"_self pt-cv-readmore btn btn-success\" target=\"_self\">Ver Sentencia Completa...<\/a><\/div><\/div><\/div><\/div>\n<div class=\"col-md-12 col-sm-12 col-xs-12 pt-cv-content-item pt-cv-1-col\" ><div class='pt-cv-ifield'><a href=\"https:\/\/www.dmsjuridica.com\/buscador_20179478954\/corteconstitucionalcronologico202454587\/t-1006-01\/\" class=\"_self pt-cv-href-thumbnail pt-cv-thumb-default\" target=\"_self\" ><\/a>\n<div class=\"pt-cv-taxoterm above_title\"><a href='https:\/\/www.dmsjuridica.com\/buscador_20179478954\/corteconstitucionalcronologico202454587\/category\/buscar-en-toda-la-corte\/2001\/tutelas-2001\/' title='Tutelas 2001' class='pt-cv-tax-tutelas-2001'>Tutelas 2001<\/a><\/div>\n<h4 class=\"pt-cv-title\"><a href=\"https:\/\/www.dmsjuridica.com\/buscador_20179478954\/corteconstitucionalcronologico202454587\/t-1006-01\/\" class=\"_self\" target=\"_self\" >T-1006-01<\/a><\/h4>\n<div class=\"pt-cv-content\">\u00a0 \u00a0 Sentencia T-1006\/01 \u00a0 DERECHO DE PETICION-N\u00facleo esencial\/DERECHO DE PETICION-Alcance \u00a0 DERECHO DE PETICION-No constituye respuesta estado del tr\u00e1mite de solicitud \u00a0 Reiteraci\u00f3n de jurisprudencia \u00a0 \u00a0 Referencia: expediente T-463573 \u00a0 Acci\u00f3n de tutela instaurada por Luz Martha Guzm\u00e1n De Cano contra el Coordinador de la Oficina de Prestaciones del Magisterio, Regional Tolima y el Representante del Ministerio de Educaci\u00f3n Nacional ante el Departamento del Tolima. \u00a0 Magistrado Ponente: \u00a0 Dr. MANUEL JOSE CEPEDA ESPINOSA \u00a0 Bogot\u00e1, D.C, septiembre veinte (20) de dos mil uno (2001). \u00a0 Esta Sala de Revisi\u00f3n advierte que, por tratarse en este caso de ...<br \/><div class=\"pt-cv-rmwrap\"><a href=\"https:\/\/www.dmsjuridica.com\/buscador_20179478954\/corteconstitucionalcronologico202454587\/t-1006-01\/\" class=\"_self pt-cv-readmore btn btn-success\" target=\"_self\">Ver Sentencia Completa...<\/a><\/div><\/div><\/div><\/div>\n<div class=\"col-md-12 col-sm-12 col-xs-12 pt-cv-content-item pt-cv-1-col\" ><div class='pt-cv-ifield'><a href=\"https:\/\/www.dmsjuridica.com\/buscador_20179478954\/corteconstitucionalcronologico202454587\/t-1005-01\/\" class=\"_self pt-cv-href-thumbnail pt-cv-thumb-default\" target=\"_self\" ><\/a>\n<div class=\"pt-cv-taxoterm above_title\"><a href='https:\/\/www.dmsjuridica.com\/buscador_20179478954\/corteconstitucionalcronologico202454587\/category\/buscar-en-toda-la-corte\/2001\/tutelas-2001\/' title='Tutelas 2001' class='pt-cv-tax-tutelas-2001'>Tutelas 2001<\/a><\/div>\n<h4 class=\"pt-cv-title\"><a href=\"https:\/\/www.dmsjuridica.com\/buscador_20179478954\/corteconstitucionalcronologico202454587\/t-1005-01\/\" class=\"_self\" target=\"_self\" >T-1005-01<\/a><\/h4>\n<div class=\"pt-cv-content\">\u00a0 \u00a0 Sentencia T-1005\/01 \u00a0 DERECHO AL MINIMO VITAL DEL PENSIONADO-Pago de mesadas atrasadas \u00a0 EMPLEADOR-Situaci\u00f3n econ\u00f3mica o presupuestal no es \u00f3bice para desconocer pago de mesadas pensionales \u00a0 DERECHO AL MINIMO VITAL DEL PENSIONADO-Pago de mesadas actuales y futuras \u00a0 Referencia: expediente T-397437 \u00a0 Acci\u00f3n de Tutela instaurada por Ricaurte Buend\u00eda Pineda en contra de la Universidad del Valle, la Naci\u00f3n-Ministerio de Hacienda y Cr\u00e9dito Publico y la Gobernaci\u00f3n del Departamento del Valle del Cauca. \u00a0 Magistrado Ponente: \u00a0 Dr. MANUEL JOS\u00c9 CEPEDA ESPINOSA \u00a0 Bogot\u00e1, D.C, septiembre veinte (20) de dos mil uno (2001).\u00a0 \u00a0 La Sala Tercera ...<br \/><div class=\"pt-cv-rmwrap\"><a href=\"https:\/\/www.dmsjuridica.com\/buscador_20179478954\/corteconstitucionalcronologico202454587\/t-1005-01\/\" class=\"_self pt-cv-readmore btn btn-success\" target=\"_self\">Ver Sentencia Completa...<\/a><\/div><\/div><\/div><\/div>\n<div class=\"col-md-12 col-sm-12 col-xs-12 pt-cv-content-item pt-cv-1-col\" ><div class='pt-cv-ifield'><a href=\"https:\/\/www.dmsjuridica.com\/buscador_20179478954\/corteconstitucionalcronologico202454587\/t-1004-01\/\" class=\"_self pt-cv-href-thumbnail pt-cv-thumb-default\" target=\"_self\" ><\/a>\n<div class=\"pt-cv-taxoterm above_title\"><a href='https:\/\/www.dmsjuridica.com\/buscador_20179478954\/corteconstitucionalcronologico202454587\/category\/buscar-en-toda-la-corte\/2001\/tutelas-2001\/' title='Tutelas 2001' class='pt-cv-tax-tutelas-2001'>Tutelas 2001<\/a><\/div>\n<h4 class=\"pt-cv-title\"><a href=\"https:\/\/www.dmsjuridica.com\/buscador_20179478954\/corteconstitucionalcronologico202454587\/t-1004-01\/\" class=\"_self\" target=\"_self\" >T-1004-01<\/a><\/h4>\n<div class=\"pt-cv-content\">\u00a0 \u00a0 Sentencia T-1004\/01 \u00a0 ACCION DE TUTELA-Procedencia excepcional pago de acreencias laborales \u00a0 EMPLEADOR-Falta de presupuesto o insolvencia para pago oportuno de salarios no es raz\u00f3n suficiente \u00a0 DERECHO AL MINIMO VITAL DEL TRABAJADOR-Pago oportuno de salarios \u00a0 Referencia: expediente: T-471867 \u00a0 Actor: Haimer Fern\u00e1ndez Morera \u00a0 Procedencia: Juzgado Primero Penal Municipal de Popay\u00e1n \u00a0 Dr. MARCO GERARDO MONROY CABRA \u00a0 Bogot\u00e1 D.C., veinte (20) de septiembre de dos mil uno (2001) \u00a0 La Sala Sexta de la Corte Constitucional, integrada por los Magistrados doctores, Eduardo Montealegre Lynett, Alvaro Tafur Galvis y Marco Gerardo Monroy, quien la preside, \u00a0en ...<br \/><div class=\"pt-cv-rmwrap\"><a href=\"https:\/\/www.dmsjuridica.com\/buscador_20179478954\/corteconstitucionalcronologico202454587\/t-1004-01\/\" class=\"_self pt-cv-readmore btn btn-success\" target=\"_self\">Ver Sentencia Completa...<\/a><\/div><\/div><\/div><\/div>\n<div class=\"col-md-12 col-sm-12 col-xs-12 pt-cv-content-item pt-cv-1-col\" ><div class='pt-cv-ifield'><a href=\"https:\/\/www.dmsjuridica.com\/buscador_20179478954\/corteconstitucionalcronologico202454587\/t-1003-01\/\" class=\"_self pt-cv-href-thumbnail pt-cv-thumb-default\" target=\"_self\" ><\/a>\n<div class=\"pt-cv-taxoterm above_title\"><a href='https:\/\/www.dmsjuridica.com\/buscador_20179478954\/corteconstitucionalcronologico202454587\/category\/buscar-en-toda-la-corte\/2001\/tutelas-2001\/' title='Tutelas 2001' class='pt-cv-tax-tutelas-2001'>Tutelas 2001<\/a><\/div>\n<h4 class=\"pt-cv-title\"><a href=\"https:\/\/www.dmsjuridica.com\/buscador_20179478954\/corteconstitucionalcronologico202454587\/t-1003-01\/\" class=\"_self\" target=\"_self\" >T-1003-01<\/a><\/h4>\n<div class=\"pt-cv-content\">\u00a0 \u00a0 Sentencia T-1003\/01\u00a0 \u00a0 VIA DE HECHO-Clases de defectos en la actuaci\u00f3n \u00a0 PRINCIPIO DE AUTONOMIA FUNCIONAL DEL JUEZ-Improcedencia general de tutela para controvertir interpretaciones judiciales \u00a0 VIA DE HECHO-Improcedencia frente a interpretaciones \u00a0 AUTONOMIA FUNCIONAL DEL JUEZ-Margen para imposici\u00f3n de la pena \u00a0 Referencia: expediente T- 468311\u00a0 \u00a0 Peticionario: Milton Parra Olarte \u00a0 Procedencia: Tribunal Superior de Bogot\u00e1 (Sala Penal) \u00a0 Magistrado Ponente: \u00a0 Dr. MARCO GERARDO MONROY CABRA \u00a0 Bogot\u00e1, D.C., veinte (20) de \u00a0septiembre de dos mil uno (2001). \u00a0 La Sala Sexta de Revisi\u00f3n de la Corte Constitucional, integrada por los Magistrados Marco Gerardo Monroy ...<br \/><div class=\"pt-cv-rmwrap\"><a href=\"https:\/\/www.dmsjuridica.com\/buscador_20179478954\/corteconstitucionalcronologico202454587\/t-1003-01\/\" class=\"_self pt-cv-readmore btn btn-success\" target=\"_self\">Ver Sentencia Completa...<\/a><\/div><\/div><\/div><\/div>\n<div class=\"col-md-12 col-sm-12 col-xs-12 pt-cv-content-item pt-cv-1-col\" ><div class='pt-cv-ifield'><a href=\"https:\/\/www.dmsjuridica.com\/buscador_20179478954\/corteconstitucionalcronologico202454587\/t-1002-01\/\" class=\"_self pt-cv-href-thumbnail pt-cv-thumb-default\" target=\"_self\" ><\/a>\n<div class=\"pt-cv-taxoterm above_title\"><a href='https:\/\/www.dmsjuridica.com\/buscador_20179478954\/corteconstitucionalcronologico202454587\/category\/buscar-en-toda-la-corte\/2001\/tutelas-2001\/' title='Tutelas 2001' class='pt-cv-tax-tutelas-2001'>Tutelas 2001<\/a><\/div>\n<h4 class=\"pt-cv-title\"><a href=\"https:\/\/www.dmsjuridica.com\/buscador_20179478954\/corteconstitucionalcronologico202454587\/t-1002-01\/\" class=\"_self\" target=\"_self\" >T-1002-01<\/a><\/h4>\n<div class=\"pt-cv-content\">\u00a0 \u00a0 Sentencia T-1002\/01 \u00a0 MUJER EMBARAZADA-Especial asistencia y protecci\u00f3n especial del Estado \u00a0 MUJER TRABAJADORA EMBARAZADA-Circunstancia de debilidad econ\u00f3mica manifiesta\/LICENCIA DE MATERNIDAD-Pago por tutela cuando se est\u00e1 ante m\u00ednimo vital \u00a0 Referencia: expediente T-469265 \u00a0 Accionante: Mar\u00eda Ester Guerra Almario \u00a0 Procedencia: Juzgado Segundo Laboral del Circuito de Monteria \u00a0 Magistrado Ponente:\u00a0 \u00a0 Dr. MARCO GERARDO MONROY CABRA \u00a0 \u00a0 \u00a0 Bogot\u00e1, veinte (20) de septiembre de dos mil uno (2001) \u00a0 La Sala Sexta de Revisi\u00f3n de la Corte Constitucional, integrada por los Magistrados doctores Marco Gerardo Monroy Cabra, Eduardo Montealegre Lynett y Alvaro Tafur Galvis, en ejercicio ...<br \/><div class=\"pt-cv-rmwrap\"><a href=\"https:\/\/www.dmsjuridica.com\/buscador_20179478954\/corteconstitucionalcronologico202454587\/t-1002-01\/\" class=\"_self pt-cv-readmore btn btn-success\" target=\"_self\">Ver Sentencia Completa...<\/a><\/div><\/div><\/div><\/div>\n<div class=\"col-md-12 col-sm-12 col-xs-12 pt-cv-content-item pt-cv-1-col\" ><div class='pt-cv-ifield'><a href=\"https:\/\/www.dmsjuridica.com\/buscador_20179478954\/corteconstitucionalcronologico202454587\/t-1001-01\/\" class=\"_self pt-cv-href-thumbnail pt-cv-thumb-default\" target=\"_self\" ><\/a>\n<div class=\"pt-cv-taxoterm above_title\"><a href='https:\/\/www.dmsjuridica.com\/buscador_20179478954\/corteconstitucionalcronologico202454587\/category\/buscar-en-toda-la-corte\/2001\/tutelas-2001\/' title='Tutelas 2001' class='pt-cv-tax-tutelas-2001'>Tutelas 2001<\/a><\/div>\n<h4 class=\"pt-cv-title\"><a href=\"https:\/\/www.dmsjuridica.com\/buscador_20179478954\/corteconstitucionalcronologico202454587\/t-1001-01\/\" class=\"_self\" target=\"_self\" >T-1001-01<\/a><\/h4>\n<div class=\"pt-cv-content\">\u00a0 \u00a0 Sentencia T-1001\/01 \u00a0 FUERO PENAL MILITAR-Car\u00e1cter excepcional y restrictivo \u00a0 A partir de su naturaleza jur\u00eddica especial, y con el prop\u00f3sito de preservar vigentes los principios que rigen la administraci\u00f3n de justicia y que propugnan por el mantenimiento de un orden justo, los art\u00edculos 221 y 250 de la Carta Pol\u00edtica se han encargado de reconocerle al fuero militar un car\u00e1cter excepcional y restrictivo, limitando el \u00e1mbito de competencia funcional de la justicia castrense al conocimiento y juzgamiento de aquellos delitos que hayan sido cometidos por miembros de la fuerza p\u00fablica en servicio activo, siempre y cuando guarden ...<br \/><div class=\"pt-cv-rmwrap\"><a href=\"https:\/\/www.dmsjuridica.com\/buscador_20179478954\/corteconstitucionalcronologico202454587\/t-1001-01\/\" class=\"_self pt-cv-readmore btn btn-success\" target=\"_self\">Ver Sentencia Completa...<\/a><\/div><\/div><\/div><\/div>\n<div class=\"col-md-12 col-sm-12 col-xs-12 pt-cv-content-item pt-cv-1-col\" ><div class='pt-cv-ifield'><a href=\"https:\/\/www.dmsjuridica.com\/buscador_20179478954\/corteconstitucionalcronologico202454587\/t-1000-01\/\" class=\"_self pt-cv-href-thumbnail pt-cv-thumb-default\" target=\"_self\" ><\/a>\n<div class=\"pt-cv-taxoterm above_title\"><a href='https:\/\/www.dmsjuridica.com\/buscador_20179478954\/corteconstitucionalcronologico202454587\/category\/buscar-en-toda-la-corte\/2001\/tutelas-2001\/' title='Tutelas 2001' class='pt-cv-tax-tutelas-2001'>Tutelas 2001<\/a><\/div>\n<h4 class=\"pt-cv-title\"><a href=\"https:\/\/www.dmsjuridica.com\/buscador_20179478954\/corteconstitucionalcronologico202454587\/t-1000-01\/\" class=\"_self\" target=\"_self\" >T-1000-01<\/a><\/h4>\n<div class=\"pt-cv-content\">\u00a0 \u00a0 Sentencia T-1000\/01 \u00a0 ACCION DE TUTELA CONTRA PARTICULARES-Procedencia excepcional \u00a0 INVESTIGACION PENAL-Aprehensi\u00f3n de bienes utilizados en la realizaci\u00f3n de la conducta punible \u00a0 VEHICULO APREHENDIDO-Lugares especiales de custodia\/VEHICULO RETENIDO EN PATIOS\/VEHICULO RETENIDO EN PARQUEADERO \u00a0 Cuando un veh\u00edculo es aprendido, como en el presente caso, la administraci\u00f3n en principio debe conducirlo a los patios, creados y destinados para el cumplimiento del citado servicio, salvo que el particular, consienta en depositarlos en otros lugares, como parqueaderos o talleres que prestan o desarrollan un objeto similar. Suele suceder que un parqueadero, al mismo tiempo, desarrolle las dos formas de servicio, ...<br \/><div class=\"pt-cv-rmwrap\"><a href=\"https:\/\/www.dmsjuridica.com\/buscador_20179478954\/corteconstitucionalcronologico202454587\/t-1000-01\/\" class=\"_self pt-cv-readmore btn btn-success\" target=\"_self\">Ver Sentencia Completa...<\/a><\/div><\/div><\/div><\/div>\n<div class=\"col-md-12 col-sm-12 col-xs-12 pt-cv-content-item pt-cv-1-col\" ><div class='pt-cv-ifield'><a href=\"https:\/\/www.dmsjuridica.com\/buscador_20179478954\/corteconstitucionalcronologico202454587\/t-085-01\/\" class=\"_self pt-cv-href-thumbnail pt-cv-thumb-default\" target=\"_self\" ><\/a>\n<div class=\"pt-cv-taxoterm above_title\"><a href='https:\/\/www.dmsjuridica.com\/buscador_20179478954\/corteconstitucionalcronologico202454587\/category\/buscar-en-toda-la-corte\/2001\/tutelas-2001\/' title='Tutelas 2001' class='pt-cv-tax-tutelas-2001'>Tutelas 2001<\/a><\/div>\n<h4 class=\"pt-cv-title\"><a href=\"https:\/\/www.dmsjuridica.com\/buscador_20179478954\/corteconstitucionalcronologico202454587\/t-085-01\/\" class=\"_self\" target=\"_self\" >T-085-01<\/a><\/h4>\n<div class=\"pt-cv-content\">\u00a0 \u00a0 Sentencia T-085\/01 \u00a0 ACCION DE TUTELA-Carencia actual de objeto \u00a0 ACCION DE TUTELA CONTRA PROVIDENCIAS JUDICIALES-Procedencia excepcional\/VIA DE HECHO-No la constituye interpretaciones del juez que no comparten las partes \u00a0 TITULOS VALORES-Interpretaci\u00f3n del juez en cuanto a la validez de los que figuran en copia pero con firma original\/MEDIO DE DEFENSA JUDICIAL-Interpretaci\u00f3n del juez respecto a la validez de los t\u00edtulos valores que figuran en copia pero con firma original \u00a0 Referencia: expediente T-356214 \u00a0 Peticionario: Fundaci\u00f3n Abood Shaio \u00a0 Demandado: Juez 27 Civil del Circuito de Bogot\u00e1 \u00a0 Magistrado Ponente:\u00a0 \u00a0 Dr. ALEJANDRO MART\u00cdNEZ CABALLERO \u00a0 Bogot\u00e1 ...<br \/><div class=\"pt-cv-rmwrap\"><a href=\"https:\/\/www.dmsjuridica.com\/buscador_20179478954\/corteconstitucionalcronologico202454587\/t-085-01\/\" class=\"_self pt-cv-readmore btn btn-success\" target=\"_self\">Ver Sentencia Completa...<\/a><\/div><\/div><\/div><\/div>\n<div class=\"col-md-12 col-sm-12 col-xs-12 pt-cv-content-item pt-cv-1-col\" ><div class='pt-cv-ifield'><a href=\"https:\/\/www.dmsjuridica.com\/buscador_20179478954\/corteconstitucionalcronologico202454587\/t-084-01\/\" class=\"_self pt-cv-href-thumbnail pt-cv-thumb-default\" target=\"_self\" ><\/a>\n<div class=\"pt-cv-taxoterm above_title\"><a href='https:\/\/www.dmsjuridica.com\/buscador_20179478954\/corteconstitucionalcronologico202454587\/category\/buscar-en-toda-la-corte\/2001\/tutelas-2001\/' title='Tutelas 2001' class='pt-cv-tax-tutelas-2001'>Tutelas 2001<\/a><\/div>\n<h4 class=\"pt-cv-title\"><a href=\"https:\/\/www.dmsjuridica.com\/buscador_20179478954\/corteconstitucionalcronologico202454587\/t-084-01\/\" class=\"_self\" target=\"_self\" >T-084-01<\/a><\/h4>\n<div class=\"pt-cv-content\">ACCION DE TUTELA-Hecho superado por pago de acreencias laborales \u00a0 Referencia: expediente T-394244 \u00a0 Acci\u00f3n de tutela interpuesta por Jazmin Mejia Celis, contra el Hospital Nazareth E.S.E. de Barranquilla. \u00a0 Magistrado Ponente: \u00a0 Dr. FABIO MORON DIAZ\u00a0 \u00a0 Bogot\u00e1, D.C., enero veintinueve (29) de dos mil uno (2001) \u00a0 La Sala S\u00e9ptima de Revisi\u00f3n de Tutelas de la Corte Constitucional, integrada por los Magistrados CRISTINA PARDO SCHLESINGER (E), ALVARO TAFUR GALVIS y FABIO MORON DIAZ, en ejercicio de sus competencias constitucionales y legales, ha proferido la siguiente \u00a0 SENTENCIA \u00a0 en el proceso de revisi\u00f3n del fallo proferido por el ...<br \/><div class=\"pt-cv-rmwrap\"><a href=\"https:\/\/www.dmsjuridica.com\/buscador_20179478954\/corteconstitucionalcronologico202454587\/t-084-01\/\" class=\"_self pt-cv-readmore btn btn-success\" target=\"_self\">Ver Sentencia Completa...<\/a><\/div><\/div><\/div><\/div>\n<div class=\"col-md-12 col-sm-12 col-xs-12 pt-cv-content-item pt-cv-1-col\" ><div class='pt-cv-ifield'><a href=\"https:\/\/www.dmsjuridica.com\/buscador_20179478954\/corteconstitucionalcronologico202454587\/t-083-01\/\" class=\"_self pt-cv-href-thumbnail pt-cv-thumb-default\" target=\"_self\" ><\/a>\n<div class=\"pt-cv-taxoterm above_title\"><a href='https:\/\/www.dmsjuridica.com\/buscador_20179478954\/corteconstitucionalcronologico202454587\/category\/buscar-en-toda-la-corte\/2001\/tutelas-2001\/' title='Tutelas 2001' class='pt-cv-tax-tutelas-2001'>Tutelas 2001<\/a><\/div>\n<h4 class=\"pt-cv-title\"><a href=\"https:\/\/www.dmsjuridica.com\/buscador_20179478954\/corteconstitucionalcronologico202454587\/t-083-01\/\" class=\"_self\" target=\"_self\" >T-083-01<\/a><\/h4>\n<div class=\"pt-cv-content\">\u00a0 \u00a0 Sentencia T-083\/01 \u00a0 ENTIDAD PROMOTORA DE SALUD-No est\u00e1 obligada a suministrar tratamiento sin periodo m\u00ednimo de cotizaci\u00f3n a paciente que no se le afecta la vida \u00a0 Reiteraci\u00f3n de jurisprudencia\u00a0 \u00a0 Referencia: expediente T-366243 \u00a0 Acci\u00f3n de tutela instaurada por Jos\u00e9 Octalivar Tavares Fern\u00e1ndez contra SALUDCOOP E.P.S. \u00a0 Magistrado Ponente: \u00a0 Dr. EDUARDO MONTEALEGRE LYNETT \u00a0 Bogot\u00e1, D.C., enero veintineve (29) de dos mil uno (2001). \u00a0 La Sala Primera de Revisi\u00f3n de la Corte Constitucional, integrada por los magistrados Eduardo Montealegre Lynett, Alfredo Beltr\u00e1n Sierra y Martha Victoria S\u00e1chica M\u00e9ndez, en ejercicio de sus competencias constitucionales y ...<br \/><div class=\"pt-cv-rmwrap\"><a href=\"https:\/\/www.dmsjuridica.com\/buscador_20179478954\/corteconstitucionalcronologico202454587\/t-083-01\/\" class=\"_self pt-cv-readmore btn btn-success\" target=\"_self\">Ver Sentencia Completa...<\/a><\/div><\/div><\/div><\/div>\n<div class=\"col-md-12 col-sm-12 col-xs-12 pt-cv-content-item pt-cv-1-col\" ><div class='pt-cv-ifield'><a href=\"https:\/\/www.dmsjuridica.com\/buscador_20179478954\/corteconstitucionalcronologico202454587\/t-082-01\/\" class=\"_self pt-cv-href-thumbnail pt-cv-thumb-default\" target=\"_self\" ><\/a>\n<div class=\"pt-cv-taxoterm above_title\"><a href='https:\/\/www.dmsjuridica.com\/buscador_20179478954\/corteconstitucionalcronologico202454587\/category\/buscar-en-toda-la-corte\/2001\/tutelas-2001\/' title='Tutelas 2001' class='pt-cv-tax-tutelas-2001'>Tutelas 2001<\/a><\/div>\n<h4 class=\"pt-cv-title\"><a href=\"https:\/\/www.dmsjuridica.com\/buscador_20179478954\/corteconstitucionalcronologico202454587\/t-082-01\/\" class=\"_self\" target=\"_self\" >T-082-01<\/a><\/h4>\n<div class=\"pt-cv-content\">\u00a0 \u00a0 Expedientes T-348041 acumulados \u00a0 Sentencia T-082\/01 \u00a0 DERECHO DE PETICION-Pronta resoluci\u00f3n equivale a quince d\u00edas mientras legislador fija t\u00e9rmino distinto \u00a0 DERECHO DE PETICION ANTE EL SEGURO SOCIAL-Aplicaci\u00f3n anal\u00f3gica de t\u00e9rmino de cuatro meses para resolver reconocimiento de pensiones legales \u00a0 DERECHO DE PETICION FRENTE AL SILENCIO ADMINISTRATIVO NEGATIVO-Deber de resolver la solicitud \u00a0 Referencia: expedientes acumulados: \u00a0 T-348041, T-348146, T-348689, T-348690 \u00a0 T-349306, T-349478, T-349479, T-349487 \u00a0 T-349689, T-349952, T-350531, T-356895 \u00a0 T-364891, T-364894, T-364917, T-365236 \u00a0 T-365276, T-365592, T-365594, T-365743 \u00a0 T-366271, T-366524, T-366756, T-367119 \u00a0 Peticionarios: \u00a0 Mar\u00eda del Rosario Ruiz Rojas, Marta Elena Tob\u00f3n ...<br \/><div class=\"pt-cv-rmwrap\"><a href=\"https:\/\/www.dmsjuridica.com\/buscador_20179478954\/corteconstitucionalcronologico202454587\/t-082-01\/\" class=\"_self pt-cv-readmore btn btn-success\" target=\"_self\">Ver Sentencia Completa...<\/a><\/div><\/div><\/div><\/div>\n<div class=\"col-md-12 col-sm-12 col-xs-12 pt-cv-content-item pt-cv-1-col\" ><div class='pt-cv-ifield'><a href=\"https:\/\/www.dmsjuridica.com\/buscador_20179478954\/corteconstitucionalcronologico202454587\/t-081-01\/\" class=\"_self pt-cv-href-thumbnail pt-cv-thumb-default\" target=\"_self\" ><\/a>\n<div class=\"pt-cv-taxoterm above_title\"><a href='https:\/\/www.dmsjuridica.com\/buscador_20179478954\/corteconstitucionalcronologico202454587\/category\/buscar-en-toda-la-corte\/2001\/tutelas-2001\/' title='Tutelas 2001' class='pt-cv-tax-tutelas-2001'>Tutelas 2001<\/a><\/div>\n<h4 class=\"pt-cv-title\"><a href=\"https:\/\/www.dmsjuridica.com\/buscador_20179478954\/corteconstitucionalcronologico202454587\/t-081-01\/\" class=\"_self\" target=\"_self\" >T-081-01<\/a><\/h4>\n<div class=\"pt-cv-content\">\u00a0 \u00a0 Sentencia T-081\/01 \u00a0 ACCION DE TUTELA-Hecho superado por pago de acreencias laborales \u00a0 Referencia: expedientes T-390829 \u00a0 Acci\u00f3n de tutela instaurada por Olga Osiris Cervantes Acosta contra \u00a0el Departamento del Magdalena. \u00a0 Magistrado: \u00a0 Dr. FABIO MORON DIAZ \u00a0 \u00a0 \u00a0 \u00a0 \u00a0 \u00a0 \u00a0 \u00a0 \u00a0 \u00a0 \u00a0 \u00a0 \u00a0 \u00a0 \u00a0 \u00a0 \u00a0 \u00a0 Bogot\u00e1, D.C., enero veintinueve (29) de dos mil uno (2001) \u00a0 La Sala S\u00e9ptima de Revisi\u00f3n de Tutelas de la Corte Constitucional, integrada por los Magistrados CRISTINA PARDO SCHLESINGER (e), ALVARO TAFUR GALVIS y FABIO MORON DIAZ, en ejercicio de sus competencias ...<br \/><div class=\"pt-cv-rmwrap\"><a href=\"https:\/\/www.dmsjuridica.com\/buscador_20179478954\/corteconstitucionalcronologico202454587\/t-081-01\/\" class=\"_self pt-cv-readmore btn btn-success\" target=\"_self\">Ver Sentencia Completa...<\/a><\/div><\/div><\/div><\/div>\n<div class=\"col-md-12 col-sm-12 col-xs-12 pt-cv-content-item pt-cv-1-col\" ><div class='pt-cv-ifield'><a href=\"https:\/\/www.dmsjuridica.com\/buscador_20179478954\/corteconstitucionalcronologico202454587\/t-080-01\/\" class=\"_self pt-cv-href-thumbnail pt-cv-thumb-default\" target=\"_self\" ><\/a>\n<div class=\"pt-cv-taxoterm above_title\"><a href='https:\/\/www.dmsjuridica.com\/buscador_20179478954\/corteconstitucionalcronologico202454587\/category\/buscar-en-toda-la-corte\/2001\/tutelas-2001\/' title='Tutelas 2001' class='pt-cv-tax-tutelas-2001'>Tutelas 2001<\/a><\/div>\n<h4 class=\"pt-cv-title\"><a href=\"https:\/\/www.dmsjuridica.com\/buscador_20179478954\/corteconstitucionalcronologico202454587\/t-080-01\/\" class=\"_self\" target=\"_self\" >T-080-01<\/a><\/h4>\n<div class=\"pt-cv-content\">\u00a0 \u00a0 Sentencia T-080\/01 \u00a0 DERECHO A LA VIDA DIGNA-Suministro de medicamentos excluidos del POS\/INAPALICACION DE NORMAS DEL PLAN OBLIGATORIO DE SALUD-Casos en que procede por exclusi\u00f3n de tratamientos y medicamentos de alto costo \u00a0 ENTIDAD PROMOTORA DE SALUD-No est\u00e1 obligada a realizar examen de carga viral a enfermo de sida \u00a0 ENTIDAD PROMOTORA DE SALUD-Suministro de medicamentos a enfermo de sida \u00a0 Referencia: expedientes T-381707 \u00a0 Acci\u00f3n de tutela instaurada por Joaquin Guillermo Ortiz Londo\u00f1o contra \u00a0SANITAS E.P.S. Seccional Medell\u00edn. \u00a0 Magistrado: \u00a0 Dr. FABIO MORON DIAZ \u00a0 \u00a0 \u00a0 \u00a0 \u00a0 \u00a0 \u00a0 \u00a0 \u00a0 \u00a0 \u00a0 \u00a0 ...<br \/><div class=\"pt-cv-rmwrap\"><a href=\"https:\/\/www.dmsjuridica.com\/buscador_20179478954\/corteconstitucionalcronologico202454587\/t-080-01\/\" class=\"_self pt-cv-readmore btn btn-success\" target=\"_self\">Ver Sentencia Completa...<\/a><\/div><\/div><\/div><\/div>\n<div class=\"col-md-12 col-sm-12 col-xs-12 pt-cv-content-item pt-cv-1-col\" ><div class='pt-cv-ifield'><a href=\"https:\/\/www.dmsjuridica.com\/buscador_20179478954\/corteconstitucionalcronologico202454587\/t-079-01\/\" class=\"_self pt-cv-href-thumbnail pt-cv-thumb-default\" target=\"_self\" ><\/a>\n<div class=\"pt-cv-taxoterm above_title\"><a href='https:\/\/www.dmsjuridica.com\/buscador_20179478954\/corteconstitucionalcronologico202454587\/category\/buscar-en-toda-la-corte\/2001\/tutelas-2001\/' title='Tutelas 2001' class='pt-cv-tax-tutelas-2001'>Tutelas 2001<\/a><\/div>\n<h4 class=\"pt-cv-title\"><a href=\"https:\/\/www.dmsjuridica.com\/buscador_20179478954\/corteconstitucionalcronologico202454587\/t-079-01\/\" class=\"_self\" target=\"_self\" >T-079-01<\/a><\/h4>\n<div class=\"pt-cv-content\">\u00a0 \u00a0 Sentencia T-079\/01 \u00a0 DOCTRINA CONSTITUCIONAL DE LOS DERECHOS FUNDAMENTALES DE PERSONA JURIDICA\/DERECHOS FUNDAMENTALES DE PERSONA JURIDICA-Se\u00f1alamiento de los que resultan aplicables y protecci\u00f3n por tutela \u00a0 DEBIDO PROCESO-Ampliaci\u00f3n resguardo ind\u00edgena \u00a0 DOCTRINA CONSTITUCIONAL SOBRE ACCION DE CUMPLIMIENTO \u00a0 DERECHO DE PETICION-N\u00facleo esencial\/DERECHO DE PETICION-Pronta resoluci\u00f3n \u00a0 DERECHO DE PETICION-Resoluci\u00f3n oportuna y de fondo \u00a0 Reiteraci\u00f3n de Jurisprudencia \u00a0 Referencia: expediente T-366896 \u00a0 Acci\u00f3n de Tutela instaurada por Ramon Libardo Pillimu\u00e9 Hurtado obrando en su condici\u00f3n de Gobernador del Resguardo \u00a0Ind\u00edgena de Quizg\u00f3, en \u00a0contra del Gerente General \u00a0del Instituto Colombiano de la Reforma Agraria - INCORA \u00a0 Magistrado ...<br \/><div class=\"pt-cv-rmwrap\"><a href=\"https:\/\/www.dmsjuridica.com\/buscador_20179478954\/corteconstitucionalcronologico202454587\/t-079-01\/\" class=\"_self pt-cv-readmore btn btn-success\" target=\"_self\">Ver Sentencia Completa...<\/a><\/div><\/div><\/div><\/div>\n<div class=\"col-md-12 col-sm-12 col-xs-12 pt-cv-content-item pt-cv-1-col\" ><div class='pt-cv-ifield'><a href=\"https:\/\/www.dmsjuridica.com\/buscador_20179478954\/corteconstitucionalcronologico202454587\/t-078-01\/\" class=\"_self pt-cv-href-thumbnail pt-cv-thumb-default\" target=\"_self\" ><\/a>\n<div class=\"pt-cv-taxoterm above_title\"><a href='https:\/\/www.dmsjuridica.com\/buscador_20179478954\/corteconstitucionalcronologico202454587\/category\/buscar-en-toda-la-corte\/2001\/tutelas-2001\/' title='Tutelas 2001' class='pt-cv-tax-tutelas-2001'>Tutelas 2001<\/a><\/div>\n<h4 class=\"pt-cv-title\"><a href=\"https:\/\/www.dmsjuridica.com\/buscador_20179478954\/corteconstitucionalcronologico202454587\/t-078-01\/\" class=\"_self\" target=\"_self\" >T-078-01<\/a><\/h4>\n<div class=\"pt-cv-content\">\u00a0 \u00a0 Sentencia T-078\/01 \u00a0 ACCION DE TUTELA-Carencia actual de objeto \u00a0 Acci\u00f3n de tutela instaurada por la Cooperativa SINALTRABAVARIA DE CALI LTDA, por intermedio del Presidente del Consejo de Administraci\u00f3n contra la Compa\u00f1\u00eda Celular de Colombia COCELCO S.A.\u00a0 \u00a0 Magistrado Ponente: \u00a0 Dr. FABIO MORON DIAZ \u00a0 Bogot\u00e1 D.C., enero veintinueve (29) \u00a0de dos mil uno \u00a0(2001). \u00a0 La Sala S\u00e9ptima de Revisi\u00f3n de la Corte Constitucional, en ejercicio de sus competencias constitucionales y legales, espec\u00edficamente las previstas en los art\u00edculos 86 y 241, numeral 9, de la Constituci\u00f3n Pol\u00edtica y en el Decreto 2591 de 1.991, ha proferido ...<br \/><div class=\"pt-cv-rmwrap\"><a href=\"https:\/\/www.dmsjuridica.com\/buscador_20179478954\/corteconstitucionalcronologico202454587\/t-078-01\/\" class=\"_self pt-cv-readmore btn btn-success\" target=\"_self\">Ver Sentencia Completa...<\/a><\/div><\/div><\/div><\/div>\n<div class=\"col-md-12 col-sm-12 col-xs-12 pt-cv-content-item pt-cv-1-col\" ><div class='pt-cv-ifield'><a href=\"https:\/\/www.dmsjuridica.com\/buscador_20179478954\/corteconstitucionalcronologico202454587\/t-077-01\/\" class=\"_self pt-cv-href-thumbnail pt-cv-thumb-default\" target=\"_self\" ><\/a>\n<div class=\"pt-cv-taxoterm above_title\"><a href='https:\/\/www.dmsjuridica.com\/buscador_20179478954\/corteconstitucionalcronologico202454587\/category\/buscar-en-toda-la-corte\/2001\/tutelas-2001\/' title='Tutelas 2001' class='pt-cv-tax-tutelas-2001'>Tutelas 2001<\/a><\/div>\n<h4 class=\"pt-cv-title\"><a href=\"https:\/\/www.dmsjuridica.com\/buscador_20179478954\/corteconstitucionalcronologico202454587\/t-077-01\/\" class=\"_self\" target=\"_self\" >T-077-01<\/a><\/h4>\n<div class=\"pt-cv-content\">\u00a0 \u00a0 Sentencia T-077\/01 \u00a0 IUS VARIANDI-Alcance y l\u00edmites \u00a0 DERECHO AL TRABAJO EN CONDICIONES DIGNAS Y JUSTAS-Traslado de trabajador\/DERECHO A LA INTEGRIDAD FAMILIAR Y A LA SALUD-Traslado de trabajador \u00a0 MEDIO DE DEFENSA JUDICIAL-Legalidad traslado de trabajador \u00a0 Referencia: expediente T-345 548\u00a0 \u00a0 Acci\u00f3n de tutela instaurada por Bethsy Burgos de Anzola contra \u00a0Direcci\u00f3n de Impuestos y Aduanas Nacionales DIAN \u00a0Unidad Administrativa Especial. \u00a0 \u00a0 Magistrado Ponente: \u00a0 Dr. FABIO MORON DIAZ.\u00a0 \u00a0 Bogot\u00e1 D.C., enero veintinueve (29) de dos mil uno (2001). \u00a0 La Sala S\u00e9ptima de Revisi\u00f3n de la Corte Constitucional, en ejercicio de sus competencias constitucionales ...<br \/><div class=\"pt-cv-rmwrap\"><a href=\"https:\/\/www.dmsjuridica.com\/buscador_20179478954\/corteconstitucionalcronologico202454587\/t-077-01\/\" class=\"_self pt-cv-readmore btn btn-success\" target=\"_self\">Ver Sentencia Completa...<\/a><\/div><\/div><\/div><\/div>\n<div class=\"col-md-12 col-sm-12 col-xs-12 pt-cv-content-item pt-cv-1-col\" ><div class='pt-cv-ifield'><a href=\"https:\/\/www.dmsjuridica.com\/buscador_20179478954\/corteconstitucionalcronologico202454587\/t-076-01\/\" class=\"_self pt-cv-href-thumbnail pt-cv-thumb-default\" target=\"_self\" ><\/a>\n<div class=\"pt-cv-taxoterm above_title\"><a href='https:\/\/www.dmsjuridica.com\/buscador_20179478954\/corteconstitucionalcronologico202454587\/category\/buscar-en-toda-la-corte\/2001\/tutelas-2001\/' title='Tutelas 2001' class='pt-cv-tax-tutelas-2001'>Tutelas 2001<\/a><\/div>\n<h4 class=\"pt-cv-title\"><a href=\"https:\/\/www.dmsjuridica.com\/buscador_20179478954\/corteconstitucionalcronologico202454587\/t-076-01\/\" class=\"_self\" target=\"_self\" >T-076-01<\/a><\/h4>\n<div class=\"pt-cv-content\">\u00a0 \u00a0 Sentencia T-076\/01 \u00a0 DESCANSO REMUNERADO-Alcance\/DERECHO FUNDAMENTAL AL DESCANSO-Alcance para el trabajador \u00a0 MEDIO DE DEFENSA JUDICIAL-Reconocimiento y otorgamiento de vacaciones \u00a0 Referencia: expediente T-340 808\u00a0 \u00a0 Acci\u00f3n de tutela instaurada por Oscar Angulo Navarro contra \u00a0Empresa de Acueducto y Saneamiento B\u00e1sico de Barrancabermeja \u201cEDASABA\u201d.\u00a0 \u00a0 Magistrado Ponente: \u00a0 Dr. FABIO MORON DIAZ.\u00a0 \u00a0 La Sala S\u00e9ptima de Revisi\u00f3n de la Corte Constitucional, en ejercicio de sus competencias constitucionales y legales, espec\u00edficamente las previstas en los art\u00edculos 86 y 241, numeral 9, de la Constituci\u00f3n Pol\u00edtica y en el Decreto 2591 de 1.991, ha proferido la siguiente, \u00a0 SENTENCIA ...<br \/><div class=\"pt-cv-rmwrap\"><a href=\"https:\/\/www.dmsjuridica.com\/buscador_20179478954\/corteconstitucionalcronologico202454587\/t-076-01\/\" class=\"_self pt-cv-readmore btn btn-success\" target=\"_self\">Ver Sentencia Completa...<\/a><\/div><\/div><\/div><\/div>\n<div class=\"col-md-12 col-sm-12 col-xs-12 pt-cv-content-item pt-cv-1-col\" ><div class='pt-cv-ifield'><a href=\"https:\/\/www.dmsjuridica.com\/buscador_20179478954\/corteconstitucionalcronologico202454587\/t-075-01\/\" class=\"_self pt-cv-href-thumbnail pt-cv-thumb-default\" target=\"_self\" ><\/a>\n<div class=\"pt-cv-taxoterm above_title\"><a href='https:\/\/www.dmsjuridica.com\/buscador_20179478954\/corteconstitucionalcronologico202454587\/category\/buscar-en-toda-la-corte\/2001\/tutelas-2001\/' title='Tutelas 2001' class='pt-cv-tax-tutelas-2001'>Tutelas 2001<\/a><\/div>\n<h4 class=\"pt-cv-title\"><a href=\"https:\/\/www.dmsjuridica.com\/buscador_20179478954\/corteconstitucionalcronologico202454587\/t-075-01\/\" class=\"_self\" target=\"_self\" >T-075-01<\/a><\/h4>\n<div class=\"pt-cv-content\">\u00a0 \u00a0 Sentencia T-075\/01 \u00a0 DERECHO A LA DIGNIDAD HUMANA-Alcance\u00a0 \u00a0 LICENCIA DE MATERNIDAD-Objeto \u00a0 LICENCIA DE MATERNIDAD-Procedencia excepcional de tutela para el pago \u00a0 Acci\u00f3n de tutela incoada por Mar\u00eda del Roc\u00edo Paredes Bastos contra UNIMEC S.A. -EPS-. \u00a0 Magistrado Ponente: \u00a0 Dr. JOS\u00c9 GREGORIO HERN\u00c1NDEZ GALINDO \u00a0 Bogot\u00e1, D.C., veintis\u00e9is (26) de enero de dos mil uno (2001). \u00a0 La Sala Quinta de Revisi\u00f3n de la Corte Constitucional, en ejercicio de sus atribuciones constitucionales y legales, espec\u00edficamente las previstas en los art\u00edculos 86 y \u00a0241, numeral 9, de la Constituci\u00f3n Pol\u00edtica y en el Decreto 2591 de 1991, ...<br \/><div class=\"pt-cv-rmwrap\"><a href=\"https:\/\/www.dmsjuridica.com\/buscador_20179478954\/corteconstitucionalcronologico202454587\/t-075-01\/\" class=\"_self pt-cv-readmore btn btn-success\" target=\"_self\">Ver Sentencia Completa...<\/a><\/div><\/div><\/div><\/div>\n<div class=\"col-md-12 col-sm-12 col-xs-12 pt-cv-content-item pt-cv-1-col\" ><div class='pt-cv-ifield'><a href=\"https:\/\/www.dmsjuridica.com\/buscador_20179478954\/corteconstitucionalcronologico202454587\/t-074-01\/\" class=\"_self pt-cv-href-thumbnail pt-cv-thumb-default\" target=\"_self\" ><\/a>\n<div class=\"pt-cv-taxoterm above_title\"><a href='https:\/\/www.dmsjuridica.com\/buscador_20179478954\/corteconstitucionalcronologico202454587\/category\/buscar-en-toda-la-corte\/2001\/tutelas-2001\/' title='Tutelas 2001' class='pt-cv-tax-tutelas-2001'>Tutelas 2001<\/a><\/div>\n<h4 class=\"pt-cv-title\"><a href=\"https:\/\/www.dmsjuridica.com\/buscador_20179478954\/corteconstitucionalcronologico202454587\/t-074-01\/\" class=\"_self\" target=\"_self\" >T-074-01<\/a><\/h4>\n<div class=\"pt-cv-content\">\u00a0 \u00a0 Sentencia T-074\/01 \u00a0 SERVIDOR PUBLICO-Responsabilidad por omisi\u00f3n \u00a0 El art\u00edculo 2 de la Constituci\u00f3n justifica la existencia de la autoridad en el seno de la sociedad, de modo que, si no cumple su funci\u00f3n, el servidor p\u00fablico que la ejerce incurre en responsabilidad, en los t\u00e9rminos de la ley, por omisi\u00f3n. La omisi\u00f3n es una forma de violar los derechos fundamentales y, por tanto, contra ella cabe la tutela, como lo dispone el art\u00edculo 86 de la Constituci\u00f3n. La omisi\u00f3n, adem\u00e1s, contrar\u00eda el postulado constitucional que procura la prevalencia de un orden jur\u00eddico, econ\u00f3mico y social justo (Pre\u00e1mbulo ...<br \/><div class=\"pt-cv-rmwrap\"><a href=\"https:\/\/www.dmsjuridica.com\/buscador_20179478954\/corteconstitucionalcronologico202454587\/t-074-01\/\" class=\"_self pt-cv-readmore btn btn-success\" target=\"_self\">Ver Sentencia Completa...<\/a><\/div><\/div><\/div><\/div>\n<div class=\"col-md-12 col-sm-12 col-xs-12 pt-cv-content-item pt-cv-1-col\" ><div class='pt-cv-ifield'><a href=\"https:\/\/www.dmsjuridica.com\/buscador_20179478954\/corteconstitucionalcronologico202454587\/t-073-01\/\" class=\"_self pt-cv-href-thumbnail pt-cv-thumb-default\" target=\"_self\" ><\/a>\n<div class=\"pt-cv-taxoterm above_title\"><a href='https:\/\/www.dmsjuridica.com\/buscador_20179478954\/corteconstitucionalcronologico202454587\/category\/buscar-en-toda-la-corte\/2001\/tutelas-2001\/' title='Tutelas 2001' class='pt-cv-tax-tutelas-2001'>Tutelas 2001<\/a><\/div>\n<h4 class=\"pt-cv-title\"><a href=\"https:\/\/www.dmsjuridica.com\/buscador_20179478954\/corteconstitucionalcronologico202454587\/t-073-01\/\" class=\"_self\" target=\"_self\" >T-073-01<\/a><\/h4>\n<div class=\"pt-cv-content\">\u00a0 \u00a0 Sentencia T-073\/01 \u00a0 ACCION DE TUTELA-Procedencia excepcional pago de acreencias laborales \u00a0 DERECHO AL PAGO OPORTUNO DEL SALARIO-Fundamental \u00a0 DERECHO AL MINIMO VITAL DEL TRABAJADOR-Pago oportuno de acreencias laborales \u00a0 EMPLEADOR-Falta de presupuesto o insolvencia para pago oportuno de salarios no es raz\u00f3n suficiente\u00a0 \u00a0 Reiteraci\u00f3n de jurisprudencia \u00a0 Referencia: expedientes T-341458, T-343980, \u00a0T-343316, T-343979 y T-3343981 \u00a0 Magistrado Ponente: \u00a0 Dr. FABIO MOR\u00d3N D\u00cdAZ \u00a0 Bogot\u00e1 D.C., a los veintinueve \u00a0 \u00a0 \u00a0 \u00a0(29) d\u00edas del mes enero de dos mil uno (2001). \u00a0 La Sala S\u00e9ptima de Revisi\u00f3n de la Corte Constitucional, en ejercicio de sus ...<br \/><div class=\"pt-cv-rmwrap\"><a href=\"https:\/\/www.dmsjuridica.com\/buscador_20179478954\/corteconstitucionalcronologico202454587\/t-073-01\/\" class=\"_self pt-cv-readmore btn btn-success\" target=\"_self\">Ver Sentencia Completa...<\/a><\/div><\/div><\/div><\/div>\n<div class=\"col-md-12 col-sm-12 col-xs-12 pt-cv-content-item pt-cv-1-col\" ><div class='pt-cv-ifield'><a href=\"https:\/\/www.dmsjuridica.com\/buscador_20179478954\/corteconstitucionalcronologico202454587\/t-072-01\/\" class=\"_self pt-cv-href-thumbnail pt-cv-thumb-default\" target=\"_self\" ><\/a>\n<div class=\"pt-cv-taxoterm above_title\"><a href='https:\/\/www.dmsjuridica.com\/buscador_20179478954\/corteconstitucionalcronologico202454587\/category\/buscar-en-toda-la-corte\/2001\/tutelas-2001\/' title='Tutelas 2001' class='pt-cv-tax-tutelas-2001'>Tutelas 2001<\/a><\/div>\n<h4 class=\"pt-cv-title\"><a href=\"https:\/\/www.dmsjuridica.com\/buscador_20179478954\/corteconstitucionalcronologico202454587\/t-072-01\/\" class=\"_self\" target=\"_self\" >T-072-01<\/a><\/h4>\n<div class=\"pt-cv-content\">\u00a0 \u00a0 Sentencia T-072\/01 \u00a0 EMPLEADOR-Asunci\u00f3n de responsabilidad por mora en aportes en salud \u00a0 ENTIDAD PROMOTORA DE SALUD-Interrupci\u00f3n de servicios por mora patronal \u00a0 Referencia: expediente T-340659 \u00a0 Acci\u00f3n de tutela instaurada por Mar\u00eda Lila G\u00f3mez de Salcedo contra el Departamento de C\u00f3rdoba, E.S.E. Hospital San Vicente de Paul de Lorica y la Empresa Promotora de Salud SALUDCOOP. \u00a0 Magistrado Ponente: \u00a0 Dr. FABIO MORON D\u00cdAZ\u00a0 \u00a0 Bogot\u00e1, D.C., a los veintinueve (29) d\u00edas del mes de enero de dos mil uno (2001). \u00a0\u00a0 \u00a0 La Sala S\u00e9ptima de Revisi\u00f3n de Tutelas de la Corte Constitucional, integrada por los ...<br \/><div class=\"pt-cv-rmwrap\"><a href=\"https:\/\/www.dmsjuridica.com\/buscador_20179478954\/corteconstitucionalcronologico202454587\/t-072-01\/\" class=\"_self pt-cv-readmore btn btn-success\" target=\"_self\">Ver Sentencia Completa...<\/a><\/div><\/div><\/div><\/div>\n<div class=\"col-md-12 col-sm-12 col-xs-12 pt-cv-content-item pt-cv-1-col\" ><div class='pt-cv-ifield'><a href=\"https:\/\/www.dmsjuridica.com\/buscador_20179478954\/corteconstitucionalcronologico202454587\/t-071-01\/\" class=\"_self pt-cv-href-thumbnail pt-cv-thumb-default\" target=\"_self\" ><\/a>\n<div class=\"pt-cv-taxoterm above_title\"><a href='https:\/\/www.dmsjuridica.com\/buscador_20179478954\/corteconstitucionalcronologico202454587\/category\/buscar-en-toda-la-corte\/2001\/tutelas-2001\/' title='Tutelas 2001' class='pt-cv-tax-tutelas-2001'>Tutelas 2001<\/a><\/div>\n<h4 class=\"pt-cv-title\"><a href=\"https:\/\/www.dmsjuridica.com\/buscador_20179478954\/corteconstitucionalcronologico202454587\/t-071-01\/\" class=\"_self\" target=\"_self\" >T-071-01<\/a><\/h4>\n<div class=\"pt-cv-content\">\u00a0 \u00a0 Sentencia T-071\/01 \u00a0 PERJUICIO IRREMEDIABLE-Elementos\/PERJUICIO IRREMEDIABLE-Inexistencia por cuanto no se han dejado de pagar mesadas pensionales \u00a0 ACCION DE TUTELA-Improcedencia sobre controversias de rango legal \u00a0 Reiteraci\u00f3n de jurisprudencia \u00a0 Referencia: expedientes T-358794, T-365357, T-365358, T-365359, T-365780, T-365781, T-365782, T-365783, T-365784, T-365785, T-366169 y T-366170 \u00a0 Acciones de tutela instauradas por Rub\u00e9n Antonio Pacheco Pacheco y otros, contra Electrificadora de la Costa Atl\u00e1ntica S.A. ELECTROCOSTA E.S.P y Electrificadora del Caribe S.A., ELECTRICARIBE E.S.P. \u00a0 Magistrado Ponente: \u00a0 FABIO MOR\u00d3N D\u00cdAZ\u00a0 \u00a0 Bogot\u00e1, D.C., a los veintinueve (29) d\u00edas del mes de enero de dos mil uno (2001). \u00a0\u00a0 ...<br \/><div class=\"pt-cv-rmwrap\"><a href=\"https:\/\/www.dmsjuridica.com\/buscador_20179478954\/corteconstitucionalcronologico202454587\/t-071-01\/\" class=\"_self pt-cv-readmore btn btn-success\" target=\"_self\">Ver Sentencia Completa...<\/a><\/div><\/div><\/div><\/div>\n<div class=\"col-md-12 col-sm-12 col-xs-12 pt-cv-content-item pt-cv-1-col\" ><div class='pt-cv-ifield'><a href=\"https:\/\/www.dmsjuridica.com\/buscador_20179478954\/corteconstitucionalcronologico202454587\/t-070-01\/\" class=\"_self pt-cv-href-thumbnail pt-cv-thumb-default\" target=\"_self\" ><\/a>\n<div class=\"pt-cv-taxoterm above_title\"><a href='https:\/\/www.dmsjuridica.com\/buscador_20179478954\/corteconstitucionalcronologico202454587\/category\/buscar-en-toda-la-corte\/2001\/tutelas-2001\/' title='Tutelas 2001' class='pt-cv-tax-tutelas-2001'>Tutelas 2001<\/a><\/div>\n<h4 class=\"pt-cv-title\"><a href=\"https:\/\/www.dmsjuridica.com\/buscador_20179478954\/corteconstitucionalcronologico202454587\/t-070-01\/\" class=\"_self\" target=\"_self\" >T-070-01<\/a><\/h4>\n<div class=\"pt-cv-content\">\u00a0 \u00a0 Sentencia T-070\/01 \u00a0 DERECHO A LA SALUD-Necesidad de cirug\u00eda que no tiene principalmente fines est\u00e9ticos\/DERECHO A LA SALUD-Cirug\u00eda de mamoplastia reductora \u00a0 ENTIDAD PROMOTORA DE SALUD-Irresponsable manejo de los t\u00e9rminos exactos del procedimiento quir\u00fargico \u00a0 Reiteraci\u00f3n de Jurisprudencia \u00a0 Referencia: expediente T-366891 \u00a0 Acci\u00f3n de tutela instaurada por Ana Rita Camelo Umbarila contra la E.P.S. de Salud Colmena.\u00a0 \u00a0 Magistrado Ponente: \u00a0 Dr. ALVARO TAFUR GALVIS \u00a0 Bogot\u00e1, D.C., a los veintinueve (29) d\u00edas del mes de enero de dos mil uno (2001). \u00a0 La Sala Novena de Revisi\u00f3n de la Corte Constitucional, en ejercicio de sus competencias ...<br \/><div class=\"pt-cv-rmwrap\"><a href=\"https:\/\/www.dmsjuridica.com\/buscador_20179478954\/corteconstitucionalcronologico202454587\/t-070-01\/\" class=\"_self pt-cv-readmore btn btn-success\" target=\"_self\">Ver Sentencia Completa...<\/a><\/div><\/div><\/div><\/div>\n<div class=\"col-md-12 col-sm-12 col-xs-12 pt-cv-content-item pt-cv-1-col\" ><div class='pt-cv-ifield'><a href=\"https:\/\/www.dmsjuridica.com\/buscador_20179478954\/corteconstitucionalcronologico202454587\/t-069-01\/\" class=\"_self pt-cv-href-thumbnail pt-cv-thumb-default\" target=\"_self\" ><\/a>\n<div class=\"pt-cv-taxoterm above_title\"><a href='https:\/\/www.dmsjuridica.com\/buscador_20179478954\/corteconstitucionalcronologico202454587\/category\/buscar-en-toda-la-corte\/2001\/tutelas-2001\/' title='Tutelas 2001' class='pt-cv-tax-tutelas-2001'>Tutelas 2001<\/a><\/div>\n<h4 class=\"pt-cv-title\"><a href=\"https:\/\/www.dmsjuridica.com\/buscador_20179478954\/corteconstitucionalcronologico202454587\/t-069-01\/\" class=\"_self\" target=\"_self\" >T-069-01<\/a><\/h4>\n<div class=\"pt-cv-content\">\u00a0 \u00a0 Sentencia T-069\/01 \u00a0 ACCION DE TUTELA-Subsidiariedad\/MEDIO DE DEFENSA JUDICIAL EFICAZ-Improcedencia de tutela \u00a0 PERJUICIO IRREMEDIABLE-Inexistencia por pago de indemnizaci\u00f3n \u00a0 MEDIO DE DEFENSA JUDICIAL-Reintegro al cargo \u00a0 PROCESO DE REESTRUCTURACION DE ENTIDADES PUBLICAS-Eficiencia y racionalizaci\u00f3n del gasto p\u00fablico \u00a0 Referencia: expediente T-330.572 \u00a0 Acci\u00f3n de tutela instaurada por \u00a0Gloria In\u00e9s Hern\u00e1ndez G\u00f3mez y otros contra el Hospital de Caldas E.S.E. \u00a0 Magistrado Ponente: \u00a0 Dr. ALVARO TAFUR GALVIS \u00a0 Bogot\u00e1 D.C., veintis\u00e9is \u00a0(26) de enero de dos mil uno (2001). \u00a0 La Sala Novena de Revisi\u00f3n de la Corte Constitucional, integrada por los magistrados Alfredo Beltr\u00e1n Sierra, Eduardo ...<br \/><div class=\"pt-cv-rmwrap\"><a href=\"https:\/\/www.dmsjuridica.com\/buscador_20179478954\/corteconstitucionalcronologico202454587\/t-069-01\/\" class=\"_self pt-cv-readmore btn btn-success\" target=\"_self\">Ver Sentencia Completa...<\/a><\/div><\/div><\/div><\/div>\n<div class=\"col-md-12 col-sm-12 col-xs-12 pt-cv-content-item pt-cv-1-col\" ><div class='pt-cv-ifield'><a href=\"https:\/\/www.dmsjuridica.com\/buscador_20179478954\/corteconstitucionalcronologico202454587\/t-068-01\/\" class=\"_self pt-cv-href-thumbnail pt-cv-thumb-default\" target=\"_self\" ><\/a>\n<div class=\"pt-cv-taxoterm above_title\"><a href='https:\/\/www.dmsjuridica.com\/buscador_20179478954\/corteconstitucionalcronologico202454587\/category\/buscar-en-toda-la-corte\/2001\/tutelas-2001\/' title='Tutelas 2001' class='pt-cv-tax-tutelas-2001'>Tutelas 2001<\/a><\/div>\n<h4 class=\"pt-cv-title\"><a href=\"https:\/\/www.dmsjuridica.com\/buscador_20179478954\/corteconstitucionalcronologico202454587\/t-068-01\/\" class=\"_self\" target=\"_self\" >T-068-01<\/a><\/h4>\n<div class=\"pt-cv-content\">\u00a0 \u00a0 Sentencia T-068\/01\u00a0 \u00a0 PRINCIPIO DE AUTONOMIA FUNCIONAL DEL JUEZ\/ACCION DE TUTELA CONTRA PROVIDENCIAS JUDICIALES-Procedencia excepcional \u00a0 ACCION DE TUTELA-Improcedencia por inactividad procesal de las partes \u00a0 VIA DE HECHO-Omisi\u00f3n de medio probatorio \u00a0 Referencia: expediente T-262.215 \u00a0 Acci\u00f3n de tutela instaurada por Hern\u00e1n Fl\u00f3rez Ram\u00edrez contra el Tribunal Contencioso Administrativo del Valle del Cauca-Secci\u00f3n Segunda. \u00a0 Magistrado Ponente:\u00a0 \u00a0 Dr. ALVARO TAFUR GALVIS. \u00a0 Bogot\u00e1 D. C., veintis\u00e9is (26) de enero del a\u00f1o dos mil uno (2001). \u00a0 SENTENCIA \u00a0 en el proceso de revisi\u00f3n de los fallos adoptados por la Sala de Decisi\u00f3n Laboral del Tribunal Superior ...<br \/><div class=\"pt-cv-rmwrap\"><a href=\"https:\/\/www.dmsjuridica.com\/buscador_20179478954\/corteconstitucionalcronologico202454587\/t-068-01\/\" class=\"_self pt-cv-readmore btn btn-success\" target=\"_self\">Ver Sentencia Completa...<\/a><\/div><\/div><\/div><\/div>\n<div class=\"col-md-12 col-sm-12 col-xs-12 pt-cv-content-item pt-cv-1-col\" ><div class='pt-cv-ifield'><a href=\"https:\/\/www.dmsjuridica.com\/buscador_20179478954\/corteconstitucionalcronologico202454587\/t-067-01\/\" class=\"_self pt-cv-href-thumbnail pt-cv-thumb-default\" target=\"_self\" ><\/a>\n<div class=\"pt-cv-taxoterm above_title\"><a href='https:\/\/www.dmsjuridica.com\/buscador_20179478954\/corteconstitucionalcronologico202454587\/category\/buscar-en-toda-la-corte\/2001\/tutelas-2001\/' title='Tutelas 2001' class='pt-cv-tax-tutelas-2001'>Tutelas 2001<\/a><\/div>\n<h4 class=\"pt-cv-title\"><a href=\"https:\/\/www.dmsjuridica.com\/buscador_20179478954\/corteconstitucionalcronologico202454587\/t-067-01\/\" class=\"_self\" target=\"_self\" >T-067-01<\/a><\/h4>\n<div class=\"pt-cv-content\">\u00a0 \u00a0 Sentencia T-067\/01 \u00a0 ACCION DE TUTELA-Titularidad \u00a0 PRINCIPIO A TRABAJO IGUAL SALARIO IGUAL-Alcance\/PRINCIPIO A TRABAJO IGUAL SALARIO IGUAL-Aumento salarial inferior \u00a0 MEDIO DE DEFENSA JUDICIAL NO IDONEO E INEFICAZ-Nivelaci\u00f3n salarial \u00a0 Referencia: expediente T-372209 \u00a0 Accionante: H\u00e9ctor Julio Herrera Rinc\u00f3n\u00a0 \u00a0 Procedencia: Juzgado Promiscuo Municipal de Nobsa \u00a0 \u00a0 Magistrado Ponente: \u00a0 Dr. ALEJANDRO MARTINEZ CABALLERO \u00a0 La Sala Sexta de Revisi\u00f3n de la Corte Constitucional, integrada por los Magistrados doctores Fabio Mor\u00f3n D\u00edaz, Cristina Pardo Schlesinger y Alejandro Mart\u00ednez Caballero, quien la preside, en ejercicio de sus competencias constitucionales y legales, ha proferido la siguiente \u00a0 SENTENCIA ...<br \/><div class=\"pt-cv-rmwrap\"><a href=\"https:\/\/www.dmsjuridica.com\/buscador_20179478954\/corteconstitucionalcronologico202454587\/t-067-01\/\" class=\"_self pt-cv-readmore btn btn-success\" target=\"_self\">Ver Sentencia Completa...<\/a><\/div><\/div><\/div><\/div>\n<div class=\"col-md-12 col-sm-12 col-xs-12 pt-cv-content-item pt-cv-1-col\" ><div class='pt-cv-ifield'><a href=\"https:\/\/www.dmsjuridica.com\/buscador_20179478954\/corteconstitucionalcronologico202454587\/t-066-01\/\" class=\"_self pt-cv-href-thumbnail pt-cv-thumb-default\" target=\"_self\" ><\/a>\n<div class=\"pt-cv-taxoterm above_title\"><a href='https:\/\/www.dmsjuridica.com\/buscador_20179478954\/corteconstitucionalcronologico202454587\/category\/buscar-en-toda-la-corte\/2001\/tutelas-2001\/' title='Tutelas 2001' class='pt-cv-tax-tutelas-2001'>Tutelas 2001<\/a><\/div>\n<h4 class=\"pt-cv-title\"><a href=\"https:\/\/www.dmsjuridica.com\/buscador_20179478954\/corteconstitucionalcronologico202454587\/t-066-01\/\" class=\"_self\" target=\"_self\" >T-066-01<\/a><\/h4>\n<div class=\"pt-cv-content\">CARRERA ADMINISTRATIVA Y JUDICIAL-M\u00e9rito como elemento esencial \u00a0 FUNCION PUBLICA-Eficiencia y eficacia \u00a0 CARRERA JUDICIAL-Nombramiento atendiendo lista de elegibles y en estricto orden de resultados \u00a0 CARRERA JUDICIAL-Razonabilidad en opci\u00f3n de cargos\/CARRERA JUDICIAL-Opci\u00f3n de cargos cuando existe pluralidad de plazas \u00a0 Referencia: expediente T-366942, T-366322, T-366921 \u00a0 \u00a0 \u00a0 Acci\u00f3n de tutela instaurada por Yolanda Laverde, por Luis Felipe Rodr\u00edguez y por Luis Alfonso Soto contra los Consejos Seccionales de la Judicatura de Caldas y Norte de Santander. \u00a0 Procedencia: Sala Laboral del Tribunal Superior de Manizales y Juzgado 2\u00ba civil Municipal de C\u00facuta \u00a0 Magistrado Ponente: \u00a0 Dr. ALEJANDRO ...<br \/><div class=\"pt-cv-rmwrap\"><a href=\"https:\/\/www.dmsjuridica.com\/buscador_20179478954\/corteconstitucionalcronologico202454587\/t-066-01\/\" class=\"_self pt-cv-readmore btn btn-success\" target=\"_self\">Ver Sentencia Completa...<\/a><\/div><\/div><\/div><\/div>\n<div class=\"col-md-12 col-sm-12 col-xs-12 pt-cv-content-item pt-cv-1-col\" ><div class='pt-cv-ifield'><a href=\"https:\/\/www.dmsjuridica.com\/buscador_20179478954\/corteconstitucionalcronologico202454587\/t-065-01\/\" class=\"_self pt-cv-href-thumbnail pt-cv-thumb-default\" target=\"_self\" ><\/a>\n<div class=\"pt-cv-taxoterm above_title\"><a href='https:\/\/www.dmsjuridica.com\/buscador_20179478954\/corteconstitucionalcronologico202454587\/category\/buscar-en-toda-la-corte\/2001\/tutelas-2001\/' title='Tutelas 2001' class='pt-cv-tax-tutelas-2001'>Tutelas 2001<\/a><\/div>\n<h4 class=\"pt-cv-title\"><a href=\"https:\/\/www.dmsjuridica.com\/buscador_20179478954\/corteconstitucionalcronologico202454587\/t-065-01\/\" class=\"_self\" target=\"_self\" >T-065-01<\/a><\/h4>\n<div class=\"pt-cv-content\">\u00a0 \u00a0 Sentencia T-065\/01 \u00a0 DERECHO AL PAGO OPORTUNO DEL SALARIO-Fundamental\/DERECHO AL MINIMO VITAL DEL TRABAJADOR-Pago oportuno de salarios\/EMPLEADOR-Situaci\u00f3n econ\u00f3mica o presupuestal no es \u00f3bice para desconocer pago de salarios \u00a0 Referencia: expedientes T-399945, T-399946, T-399947, T-399948, T-399949, T-399950, T-399951, T-399952, T-399952, T-399956, T-399957, T-399958, T-399959, T-399969, T-399961, T-399962, T-399963, T-399964, T-399965, T-399966, T-399967, T-399968, T-399969, T-399970, T-399971, T-399972, T-399973, T-400813, T-401304, T-401488, T-401489. T-401490, T-401491, T-401492, T-401493, T-401494, T-401495, T-401495, T-401605, T-401606, T-401607, T-401608, T-401609, T-401610, T- 402186, T-44402187, T-402188, T-402189, T-402190, T-402191, T-402192, T-402193, T-402194, T-402195, T-402195, T-402196, T-402197, T-402198, T-402199, T-402200, T-402202, T-402203, T-402204, T-402205, T-402206, T-402207, ...<br \/><div class=\"pt-cv-rmwrap\"><a href=\"https:\/\/www.dmsjuridica.com\/buscador_20179478954\/corteconstitucionalcronologico202454587\/t-065-01\/\" class=\"_self pt-cv-readmore btn btn-success\" target=\"_self\">Ver Sentencia Completa...<\/a><\/div><\/div><\/div><\/div>\n<div class=\"col-md-12 col-sm-12 col-xs-12 pt-cv-content-item pt-cv-1-col\" ><div class='pt-cv-ifield'><a href=\"https:\/\/www.dmsjuridica.com\/buscador_20179478954\/corteconstitucionalcronologico202454587\/t-064-01\/\" class=\"_self pt-cv-href-thumbnail pt-cv-thumb-default\" target=\"_self\" ><\/a>\n<div class=\"pt-cv-taxoterm above_title\"><a href='https:\/\/www.dmsjuridica.com\/buscador_20179478954\/corteconstitucionalcronologico202454587\/category\/buscar-en-toda-la-corte\/2001\/tutelas-2001\/' title='Tutelas 2001' class='pt-cv-tax-tutelas-2001'>Tutelas 2001<\/a><\/div>\n<h4 class=\"pt-cv-title\"><a href=\"https:\/\/www.dmsjuridica.com\/buscador_20179478954\/corteconstitucionalcronologico202454587\/t-064-01\/\" class=\"_self\" target=\"_self\" >T-064-01<\/a><\/h4>\n<div class=\"pt-cv-content\">\u00a0 \u00a0 Sentencia T-064\/01 \u00a0 EMPLEADOR-Situaci\u00f3n econ\u00f3mica o presupuestal no es \u00f3bice para desconocer obligaciones laborales \u00a0 DERECHO AL TRABAJO EN CONDICIONES DIGNAS Y JUSTAS-Pago oportuno de salarios\/DERECHO AL MINIMO VITAL DEL TRABAJADOR-Pago oportuno de salarios \u00a0 Referencia: expediente T-399525 \u00a0 Peticionario: Ruby Torne Torne \u00a0 \u00a0 \u00a0 Magistrado Ponente:\u00a0 \u00a0 Dr. ALFREDO BELTR\u00c1N SIERRA. \u00a0 Bogot\u00e1, D.C., enero veinticinco (25) de dos mil uno (2001). \u00a0 La Sala Segunda de Revisi\u00f3n de la Corte Constitucional, integrada por los magistrados, Alfredo Beltr\u00e1n Sierra, Carlos Gaviria D\u00edaz y Martha S\u00e1chica de Moncaleano (e), en ejercicio de sus competencias constitucionales y legales, ...<br \/><div class=\"pt-cv-rmwrap\"><a href=\"https:\/\/www.dmsjuridica.com\/buscador_20179478954\/corteconstitucionalcronologico202454587\/t-064-01\/\" class=\"_self pt-cv-readmore btn btn-success\" target=\"_self\">Ver Sentencia Completa...<\/a><\/div><\/div><\/div><\/div>\n<div class=\"col-md-12 col-sm-12 col-xs-12 pt-cv-content-item pt-cv-1-col\" ><div class='pt-cv-ifield'><a href=\"https:\/\/www.dmsjuridica.com\/buscador_20179478954\/corteconstitucionalcronologico202454587\/t-063-01\/\" class=\"_self pt-cv-href-thumbnail pt-cv-thumb-default\" target=\"_self\" ><\/a>\n<div class=\"pt-cv-taxoterm above_title\"><a href='https:\/\/www.dmsjuridica.com\/buscador_20179478954\/corteconstitucionalcronologico202454587\/category\/buscar-en-toda-la-corte\/2001\/tutelas-2001\/' title='Tutelas 2001' class='pt-cv-tax-tutelas-2001'>Tutelas 2001<\/a><\/div>\n<h4 class=\"pt-cv-title\"><a href=\"https:\/\/www.dmsjuridica.com\/buscador_20179478954\/corteconstitucionalcronologico202454587\/t-063-01\/\" class=\"_self\" target=\"_self\" >T-063-01<\/a><\/h4>\n<div class=\"pt-cv-content\">\u00a0 \u00a0 Sentencia T-063\/01 \u00a0 \u00a0 COMPETENCIA A PREVENCION EN TUTELA-Factor territorial \u00a0 PRINCIPIO NO REFORMATIO IN PEJUS-Competencia restringida del ad quem \u00a0 PRINCIPIO NO REFORMATIO IN PEJUS-Inoperancia en grado de consulta \u00a0 Referencia: expediente T-396.755 \u00a0 Acci\u00f3n de tutela instaurada por Mar\u00eda Edelmira Murillo Madrid contra el Tribunal Superior del Distrito Judicial de Bogot\u00e1, Sala Especial de Descongesti\u00f3n de la Penal. \u00a0 Magistrado Ponente :\u00a0 \u00a0 Dr. ALFREDO BELTR\u00c1N SIERRA. \u00a0 Bogot\u00e1, D.C., veinticinco (25) de enero del a\u00f1o dos mil uno (2001). \u00a0 La Sala Segunda de Revisi\u00f3n de la Corte Constitucional, en ejercicio de sus competencias constitucionales ...<br \/><div class=\"pt-cv-rmwrap\"><a href=\"https:\/\/www.dmsjuridica.com\/buscador_20179478954\/corteconstitucionalcronologico202454587\/t-063-01\/\" class=\"_self pt-cv-readmore btn btn-success\" target=\"_self\">Ver Sentencia Completa...<\/a><\/div><\/div><\/div><\/div>\n<div class=\"col-md-12 col-sm-12 col-xs-12 pt-cv-content-item pt-cv-1-col\" ><div class='pt-cv-ifield'><a href=\"https:\/\/www.dmsjuridica.com\/buscador_20179478954\/corteconstitucionalcronologico202454587\/t-044-01\/\" class=\"_self pt-cv-href-thumbnail pt-cv-thumb-default\" target=\"_self\" ><\/a>\n<div class=\"pt-cv-taxoterm above_title\"><a href='https:\/\/www.dmsjuridica.com\/buscador_20179478954\/corteconstitucionalcronologico202454587\/category\/buscar-en-toda-la-corte\/2001\/tutelas-2001\/' title='Tutelas 2001' class='pt-cv-tax-tutelas-2001'>Tutelas 2001<\/a><\/div>\n<h4 class=\"pt-cv-title\"><a href=\"https:\/\/www.dmsjuridica.com\/buscador_20179478954\/corteconstitucionalcronologico202454587\/t-044-01\/\" class=\"_self\" target=\"_self\" >T-044-01<\/a><\/h4>\n<div class=\"pt-cv-content\">\u00a0 \u00a0 Sentencia T-044\/01 \u00a0 DERECHOS FUNDAMENTALES-Vulneraci\u00f3n por mora en aportes en salud por parte de empleador \u00a0 SISTEMA DE SEGURIDAD SOCIAL EN SALUD-Mora en el pago de aportes por empleador da lugar a la suspensi\u00f3n de servicios por EPS\/EMPLEADOR-Asunci\u00f3n de responsabilidad por mora en aportes en salud \u00a0 Referencia: expediente T-366476 \u00a0 Acci\u00f3n de tutela instaurada por Mar\u00eda Ang\u00e9lica Posada Moreno, Jes\u00fas Saturio Rodr\u00edguez Escobar, Mar\u00eda Gilma Su\u00e1rez Mu\u00f1oz, In\u00e9s Toro Herrera y Mar\u00eda Bedoya Vel\u00e1squez contra el Instituto de Seguros Sociales E.P.S. \u00a0 Magistrado Ponente: \u00a0 Dr. ALVARO TAFUR GALVIS \u00a0 Bogot\u00e1 D.C., a los veintid\u00f3s (22) d\u00edas ...<br \/><div class=\"pt-cv-rmwrap\"><a href=\"https:\/\/www.dmsjuridica.com\/buscador_20179478954\/corteconstitucionalcronologico202454587\/t-044-01\/\" class=\"_self pt-cv-readmore btn btn-success\" target=\"_self\">Ver Sentencia Completa...<\/a><\/div><\/div><\/div><\/div>\n<div class=\"col-md-12 col-sm-12 col-xs-12 pt-cv-content-item pt-cv-1-col\" ><div class='pt-cv-ifield'><a href=\"https:\/\/www.dmsjuridica.com\/buscador_20179478954\/corteconstitucionalcronologico202454587\/t-043-01\/\" class=\"_self pt-cv-href-thumbnail pt-cv-thumb-default\" target=\"_self\" ><\/a>\n<div class=\"pt-cv-taxoterm above_title\"><a href='https:\/\/www.dmsjuridica.com\/buscador_20179478954\/corteconstitucionalcronologico202454587\/category\/buscar-en-toda-la-corte\/2001\/tutelas-2001\/' title='Tutelas 2001' class='pt-cv-tax-tutelas-2001'>Tutelas 2001<\/a><\/div>\n<h4 class=\"pt-cv-title\"><a href=\"https:\/\/www.dmsjuridica.com\/buscador_20179478954\/corteconstitucionalcronologico202454587\/t-043-01\/\" class=\"_self\" target=\"_self\" >T-043-01<\/a><\/h4>\n<div class=\"pt-cv-content\">\u00a0 \u00a0 Sentencia T-043\/01 \u00a0 ACCION DE TUTELA-Procedencia excepcional pago de acreencias laborales\/DERECHO AL MINIMO VITAL DEL TRABAJADOR-Pago oportuno de salarios \u00a0 Reiteraci\u00f3n de Jurisprudencia \u00a0 Referencia: expedientes T-363500 y T-363501. \u00a0 Acciones de tutela instauradas por Martha Cecilia Paredes, Abelardo Cerea Cantillo y William Cardona Guti\u00e9rrez contra el Hospital Timothy Britton de San Andr\u00e9s -Isla. \u00a0 Magistrado ponente: \u00a0 Dr. ALVARO TAFUR GALVIS \u00a0 Bogot\u00e1 D.C., a los veintid\u00f3s (22) d\u00edas del mes enero de dos mil uno (2001). \u00a0 La Sala Novena de Revisi\u00f3n de la Corte Constitucional, integrada por los Magistrados doctores Alvaro Tafur Galvis, Eduardo Montealegre ...<br \/><div class=\"pt-cv-rmwrap\"><a href=\"https:\/\/www.dmsjuridica.com\/buscador_20179478954\/corteconstitucionalcronologico202454587\/t-043-01\/\" class=\"_self pt-cv-readmore btn btn-success\" target=\"_self\">Ver Sentencia Completa...<\/a><\/div><\/div><\/div><\/div>\n<div class=\"col-md-12 col-sm-12 col-xs-12 pt-cv-content-item pt-cv-1-col\" ><div class='pt-cv-ifield'><a href=\"https:\/\/www.dmsjuridica.com\/buscador_20179478954\/corteconstitucionalcronologico202454587\/t-042-01\/\" class=\"_self pt-cv-href-thumbnail pt-cv-thumb-default\" target=\"_self\" ><\/a>\n<div class=\"pt-cv-taxoterm above_title\"><a href='https:\/\/www.dmsjuridica.com\/buscador_20179478954\/corteconstitucionalcronologico202454587\/category\/buscar-en-toda-la-corte\/2001\/tutelas-2001\/' title='Tutelas 2001' class='pt-cv-tax-tutelas-2001'>Tutelas 2001<\/a><\/div>\n<h4 class=\"pt-cv-title\"><a href=\"https:\/\/www.dmsjuridica.com\/buscador_20179478954\/corteconstitucionalcronologico202454587\/t-042-01\/\" class=\"_self\" target=\"_self\" >T-042-01<\/a><\/h4>\n<div class=\"pt-cv-content\">\u00a0 \u00a0 Sentencia T-042\/01 \u00a0 ACCION DE TUTELA-Subsidiariedad \u00a0 ACCION DE TUTELA-Procedencia excepcional pago de acreencias laborales \u00a0 DERECHO AL MINIMO VITAL DEL TRABAJADOR-Presunci\u00f3n de afectaci\u00f3n por ausencia prolongada en pago de salarios \u00a0 DERECHO AL MINIMO VITAL DEL TRABAJADOR-No afectaci\u00f3n por no pago de primas complementarias de salario a educadores \u00a0 Referencia: expedientes T-363073,\u00a0 \u00a0 T-367303 y T-377214 \u00a0 Acciones de tutela instauradas por Marina de Jes\u00fas Puerta G\u00f3mez, Blanca Rosa Estrada Pulgar\u00edn y Jos\u00e9 Argemiro Mazo Ardila contra el Departamento de Antioquia. \u00a0 Magistrado Ponente: \u00a0 Dr. EDUARDO MONTEALEGRE LYNETT \u00a0 La Sala Primera de Revisi\u00f3n de la ...<br \/><div class=\"pt-cv-rmwrap\"><a href=\"https:\/\/www.dmsjuridica.com\/buscador_20179478954\/corteconstitucionalcronologico202454587\/t-042-01\/\" class=\"_self pt-cv-readmore btn btn-success\" target=\"_self\">Ver Sentencia Completa...<\/a><\/div><\/div><\/div><\/div>\n<div class=\"col-md-12 col-sm-12 col-xs-12 pt-cv-content-item pt-cv-1-col\" ><div class='pt-cv-ifield'><a href=\"https:\/\/www.dmsjuridica.com\/buscador_20179478954\/corteconstitucionalcronologico202454587\/t-041-01\/\" class=\"_self pt-cv-href-thumbnail pt-cv-thumb-default\" target=\"_self\" ><\/a>\n<div class=\"pt-cv-taxoterm above_title\"><a href='https:\/\/www.dmsjuridica.com\/buscador_20179478954\/corteconstitucionalcronologico202454587\/category\/buscar-en-toda-la-corte\/2001\/tutelas-2001\/' title='Tutelas 2001' class='pt-cv-tax-tutelas-2001'>Tutelas 2001<\/a><\/div>\n<h4 class=\"pt-cv-title\"><a href=\"https:\/\/www.dmsjuridica.com\/buscador_20179478954\/corteconstitucionalcronologico202454587\/t-041-01\/\" class=\"_self\" target=\"_self\" >T-041-01<\/a><\/h4>\n<div class=\"pt-cv-content\">DERECHO A LA VIDA-Inexistencia de afectaci\u00f3n por no suministro de aud\u00edfonos \u00a0 Referencia: expediente T-364498 \u00a0 Acci\u00f3n de tutela instaurada por Luis Alberto Perdomo Guti\u00e9rrez contra la Caja Nacional de Previsi\u00f3n. \u00a0 Magistrado Ponente: \u00a0 Dr. EDUARDO MONTEALEGRE LYNETT \u00a0 Bogot\u00e1 D.C., enero veintid\u00f3s (22) de dos mil uno (2001). \u00a0 La Sala Primera de Revisi\u00f3n de la Corte Constitucional, integrada por los magistrados Eduardo Montealegre Lynett, Alfredo Beltr\u00e1n Sierra y Martha Victoria S\u00e1chica M\u00e9ndez, en ejercicio de sus competencias constitucionales y legales ha proferido la siguiente \u00a0 SENTENCIA \u00a0 dentro del proceso de revisi\u00f3n de los fallos adoptados por ...<br \/><div class=\"pt-cv-rmwrap\"><a href=\"https:\/\/www.dmsjuridica.com\/buscador_20179478954\/corteconstitucionalcronologico202454587\/t-041-01\/\" class=\"_self pt-cv-readmore btn btn-success\" target=\"_self\">Ver Sentencia Completa...<\/a><\/div><\/div><\/div><\/div>\n<div class=\"col-md-12 col-sm-12 col-xs-12 pt-cv-content-item pt-cv-1-col\" ><div class='pt-cv-ifield'><a href=\"https:\/\/www.dmsjuridica.com\/buscador_20179478954\/corteconstitucionalcronologico202454587\/t-040-01\/\" class=\"_self pt-cv-href-thumbnail pt-cv-thumb-default\" target=\"_self\" ><\/a>\n<div class=\"pt-cv-taxoterm above_title\"><a href='https:\/\/www.dmsjuridica.com\/buscador_20179478954\/corteconstitucionalcronologico202454587\/category\/buscar-en-toda-la-corte\/2001\/tutelas-2001\/' title='Tutelas 2001' class='pt-cv-tax-tutelas-2001'>Tutelas 2001<\/a><\/div>\n<h4 class=\"pt-cv-title\"><a href=\"https:\/\/www.dmsjuridica.com\/buscador_20179478954\/corteconstitucionalcronologico202454587\/t-040-01\/\" class=\"_self\" target=\"_self\" >T-040-01<\/a><\/h4>\n<div class=\"pt-cv-content\">\u00a0 \u00a0 Sentencia T-040\/01 \u00a0 ACCION DE TUTELA-Procedencia respecto a derechos fundamentales diferentes a los invocados \u00a0 Para la Corte no es de recibo la actuaci\u00f3n de los jueces de instancia, quienes denegaron el amparo, sin tener en cuenta el derecho al pago oportuno de salarios de las accionantes; toda vez que aunque este no fue invocado en la demanda de tutela, por la naturaleza misma de esta acci\u00f3n se permite que los jueces de instancia se pronuncien respecto de derechos fundamentales diferentes a los invocados cuando se encuentre probada su vulneraci\u00f3n. \u00a0 ACCION DE TUTELA-Procedencia excepcional pago de acreencias ...<br \/><div class=\"pt-cv-rmwrap\"><a href=\"https:\/\/www.dmsjuridica.com\/buscador_20179478954\/corteconstitucionalcronologico202454587\/t-040-01\/\" class=\"_self pt-cv-readmore btn btn-success\" target=\"_self\">Ver Sentencia Completa...<\/a><\/div><\/div><\/div><\/div>\n<div class=\"col-md-12 col-sm-12 col-xs-12 pt-cv-content-item pt-cv-1-col\" ><div class='pt-cv-ifield'><a href=\"https:\/\/www.dmsjuridica.com\/buscador_20179478954\/corteconstitucionalcronologico202454587\/t-039-01\/\" class=\"_self pt-cv-href-thumbnail pt-cv-thumb-default\" target=\"_self\" ><\/a>\n<div class=\"pt-cv-taxoterm above_title\"><a href='https:\/\/www.dmsjuridica.com\/buscador_20179478954\/corteconstitucionalcronologico202454587\/category\/buscar-en-toda-la-corte\/2001\/tutelas-2001\/' title='Tutelas 2001' class='pt-cv-tax-tutelas-2001'>Tutelas 2001<\/a><\/div>\n<h4 class=\"pt-cv-title\"><a href=\"https:\/\/www.dmsjuridica.com\/buscador_20179478954\/corteconstitucionalcronologico202454587\/t-039-01\/\" class=\"_self\" target=\"_self\" >T-039-01<\/a><\/h4>\n<div class=\"pt-cv-content\">\u00a0 \u00a0 Sentencia T-039\/01 \u00a0 DEBIDO PROCESO-Alcance \u00a0 DERECHO DE DEFENSA-Notificaci\u00f3n de decisiones \u00a0 El mecanismo de la notificaci\u00f3n de cualquier decisi\u00f3n dentro de una actuaci\u00f3n judicial o administrativa, garantiza el ejercicio del derecho a la defensa, toda vez que con ella se vinculan los sujetos procesales con inter\u00e9s jur\u00eddico para intervenir en el respectivo proceso y se enteran de las diferentes diligencias y actuaciones que en \u00e9l se surten. \u00a0 DERECHO DE DEFENSA-Vulneraci\u00f3n por no notificar el INURBE visita a vivienda\/INDEFENSION-Falta de notificaci\u00f3n por el INURBE de visita a vivienda \u00a0 No existe constancia de que la alegada visita ...<br \/><div class=\"pt-cv-rmwrap\"><a href=\"https:\/\/www.dmsjuridica.com\/buscador_20179478954\/corteconstitucionalcronologico202454587\/t-039-01\/\" class=\"_self pt-cv-readmore btn btn-success\" target=\"_self\">Ver Sentencia Completa...<\/a><\/div><\/div><\/div><\/div>\n<div class=\"col-md-12 col-sm-12 col-xs-12 pt-cv-content-item pt-cv-1-col\" ><div class='pt-cv-ifield'><a href=\"https:\/\/www.dmsjuridica.com\/buscador_20179478954\/corteconstitucionalcronologico202454587\/t-038-01\/\" class=\"_self pt-cv-href-thumbnail pt-cv-thumb-default\" target=\"_self\" ><\/a>\n<div class=\"pt-cv-taxoterm above_title\"><a href='https:\/\/www.dmsjuridica.com\/buscador_20179478954\/corteconstitucionalcronologico202454587\/category\/buscar-en-toda-la-corte\/2001\/tutelas-2001\/' title='Tutelas 2001' class='pt-cv-tax-tutelas-2001'>Tutelas 2001<\/a><\/div>\n<h4 class=\"pt-cv-title\"><a href=\"https:\/\/www.dmsjuridica.com\/buscador_20179478954\/corteconstitucionalcronologico202454587\/t-038-01\/\" class=\"_self\" target=\"_self\" >T-038-01<\/a><\/h4>\n<div class=\"pt-cv-content\">DERECHO ALA EDUCACION-Retenci\u00f3n de certificados por no pago de pensi\u00f3n \u00a0 DERECHO AL TRABAJO-Improcedencia de vulneraci\u00f3n por no contar con certificado de estudios para inscripci\u00f3n en concurso de m\u00e9ritos \u00a0 Reiteraci\u00f3n de Jurisprudencia \u00a0 Referencia: expediente T-364321 \u00a0 Acci\u00f3n de tutela instaurada por Luz Nelly Ram\u00edrez contra el Colegio Nazareth de Tulu\u00e1 -Valle. \u00a0 Magistrado Ponente: \u00a0 Dr. ALVARO TAFUR GALVIS \u00a0 Bogot\u00e1, D.C. a los veintid\u00f3s (22) d\u00edas del mes de enero de dos mil uno (2001). \u00a0 La Sala Novena de Revisi\u00f3n de la Corte Constitucional, en ejercicio de sus competencias constitucionales y legales, en particular las contenidas ...<br \/><div class=\"pt-cv-rmwrap\"><a href=\"https:\/\/www.dmsjuridica.com\/buscador_20179478954\/corteconstitucionalcronologico202454587\/t-038-01\/\" class=\"_self pt-cv-readmore btn btn-success\" target=\"_self\">Ver Sentencia Completa...<\/a><\/div><\/div><\/div><\/div>\n<div class=\"col-md-12 col-sm-12 col-xs-12 pt-cv-content-item pt-cv-1-col\" ><div class='pt-cv-ifield'><a href=\"https:\/\/www.dmsjuridica.com\/buscador_20179478954\/corteconstitucionalcronologico202454587\/t-037-01\/\" class=\"_self pt-cv-href-thumbnail pt-cv-thumb-default\" target=\"_self\" ><\/a>\n<div class=\"pt-cv-taxoterm above_title\"><a href='https:\/\/www.dmsjuridica.com\/buscador_20179478954\/corteconstitucionalcronologico202454587\/category\/buscar-en-toda-la-corte\/2001\/tutelas-2001\/' title='Tutelas 2001' class='pt-cv-tax-tutelas-2001'>Tutelas 2001<\/a><\/div>\n<h4 class=\"pt-cv-title\"><a href=\"https:\/\/www.dmsjuridica.com\/buscador_20179478954\/corteconstitucionalcronologico202454587\/t-037-01\/\" class=\"_self\" target=\"_self\" >T-037-01<\/a><\/h4>\n<div class=\"pt-cv-content\">\u00a0 \u00a0 Sentencia T-037\/01 \u00a0 EMPLEADOR-Asunci\u00f3n de responsabilidad por mora en aportes en seguridad social \u00a0 SEGURO SOCIAL-No atenci\u00f3n m\u00e9dica por mora de empleador en aportes en salud \u00a0 Reiteraci\u00f3n de jurisprudencia \u00a0 Referencia: expediente T-363962 \u00a0 Acci\u00f3n de tutela instaurada por Carlos Hernando Estrada S\u00e1nchez contra el Seguro Social - Seccional Antioquia. \u00a0 Magistrado Ponente: \u00a0 Dr. ALVARO TAFUR GALVIS \u00a0 Bogot\u00e1 D.C., a los veintid\u00f3s (22) d\u00edas del mes de enero de dos mil uno (2001). \u00a0 La Sala Novena de Revisi\u00f3n de la Corte Constitucional, en ejercicio de sus competencias constitucionales y legales, espec\u00edficamente las previstas en ...<br \/><div class=\"pt-cv-rmwrap\"><a href=\"https:\/\/www.dmsjuridica.com\/buscador_20179478954\/corteconstitucionalcronologico202454587\/t-037-01\/\" class=\"_self pt-cv-readmore btn btn-success\" target=\"_self\">Ver Sentencia Completa...<\/a><\/div><\/div><\/div><\/div>\n<div class=\"col-md-12 col-sm-12 col-xs-12 pt-cv-content-item pt-cv-1-col\" ><div class='pt-cv-ifield'><a href=\"https:\/\/www.dmsjuridica.com\/buscador_20179478954\/corteconstitucionalcronologico202454587\/t-036-01\/\" class=\"_self pt-cv-href-thumbnail pt-cv-thumb-default\" target=\"_self\" ><\/a>\n<div class=\"pt-cv-taxoterm above_title\"><a href='https:\/\/www.dmsjuridica.com\/buscador_20179478954\/corteconstitucionalcronologico202454587\/category\/buscar-en-toda-la-corte\/2001\/tutelas-2001\/' title='Tutelas 2001' class='pt-cv-tax-tutelas-2001'>Tutelas 2001<\/a><\/div>\n<h4 class=\"pt-cv-title\"><a href=\"https:\/\/www.dmsjuridica.com\/buscador_20179478954\/corteconstitucionalcronologico202454587\/t-036-01\/\" class=\"_self\" target=\"_self\" >T-036-01<\/a><\/h4>\n<div class=\"pt-cv-content\">\u00a0 \u00a0 Sentencia T-036\/01 \u00a0 DERECHO A LA SALUD-Suministro de medicamentos a enfermo de sida sin cumplir periodo m\u00ednimo de cotizaci\u00f3n \u00a0 DERECHO A LA SALUD-Prueba que acredite falta de recursos \u00a0 ENTIDAD PROMOTORA DE SALUD-Repetici\u00f3n contra el FOSYGA \u00a0 Reiteraci\u00f3n de Jurisprudencia \u00a0 Referencia: expediente T-361550 \u00a0 Acci\u00f3n de tutela instaurada por Fabi\u00e1n Gerardo Borraez Gaona contra la E.P.S. Humana Vivir S.A. \u00a0 Magistrado Ponente: \u00a0 Dr. FABIO MOR\u00d3N D\u00cdAZ \u00a0 Bogot\u00e1, D.C. a los veintid\u00f3s (22) d\u00edas del mes de enero de dos mil uno (2001). \u00a0 La Sala S\u00e9ptima \u00a0de Revisi\u00f3n de la Corte Constitucional, en ejercicio ...<br \/><div class=\"pt-cv-rmwrap\"><a href=\"https:\/\/www.dmsjuridica.com\/buscador_20179478954\/corteconstitucionalcronologico202454587\/t-036-01\/\" class=\"_self pt-cv-readmore btn btn-success\" target=\"_self\">Ver Sentencia Completa...<\/a><\/div><\/div><\/div><\/div>\n<div class=\"col-md-12 col-sm-12 col-xs-12 pt-cv-content-item pt-cv-1-col\" ><div class='pt-cv-ifield'><a href=\"https:\/\/www.dmsjuridica.com\/buscador_20179478954\/corteconstitucionalcronologico202454587\/t-035-01\/\" class=\"_self pt-cv-href-thumbnail pt-cv-thumb-default\" target=\"_self\" ><\/a>\n<div class=\"pt-cv-taxoterm above_title\"><a href='https:\/\/www.dmsjuridica.com\/buscador_20179478954\/corteconstitucionalcronologico202454587\/category\/buscar-en-toda-la-corte\/2001\/tutelas-2001\/' title='Tutelas 2001' class='pt-cv-tax-tutelas-2001'>Tutelas 2001<\/a><\/div>\n<h4 class=\"pt-cv-title\"><a href=\"https:\/\/www.dmsjuridica.com\/buscador_20179478954\/corteconstitucionalcronologico202454587\/t-035-01\/\" class=\"_self\" target=\"_self\" >T-035-01<\/a><\/h4>\n<div class=\"pt-cv-content\">\u00a0 \u00a0 Sentencia T-035\/01 \u00a0 ACCION DE TUTELA-Procedencia excepcional pago de acreencias laborales \u00a0 DERECHO AL PAGO OPORTUNO DEL SALARIO-Fundamental \u00a0 DERECHO AL MINIMO VITAL DEL TRABAJADOR-Pago oportuno de salarios \u00a0 EMPLEADOR-Situaci\u00f3n econ\u00f3mica o presupuestal no es \u00f3bice para desconocer pago de salarios \u00a0 Reiteraci\u00f3n de Jurisprudencia \u00a0 Referencia: expediente T-362874 \u00a0 Acci\u00f3n de tutela instaurada por Oswaldo Alfonso Rodr\u00edguez \u00c1lvarez contra la Alcald\u00eda Distrital de Barranquilla. \u00a0 Magistrada Ponente (e): \u00a0 Dra. CRISTINA PARDO SCHLESINGER \u00a0 Bogot\u00e1 D.C., a los diecinueve (19) d\u00edas del mes de enero de dos mil uno (2001). \u00a0 La Sala Octava de Revisi\u00f3n de ...<br \/><div class=\"pt-cv-rmwrap\"><a href=\"https:\/\/www.dmsjuridica.com\/buscador_20179478954\/corteconstitucionalcronologico202454587\/t-035-01\/\" class=\"_self pt-cv-readmore btn btn-success\" target=\"_self\">Ver Sentencia Completa...<\/a><\/div><\/div><\/div><\/div>\n<div class=\"col-md-12 col-sm-12 col-xs-12 pt-cv-content-item pt-cv-1-col\" ><div class='pt-cv-ifield'><a href=\"https:\/\/www.dmsjuridica.com\/buscador_20179478954\/corteconstitucionalcronologico202454587\/t-034-01\/\" class=\"_self pt-cv-href-thumbnail pt-cv-thumb-default\" target=\"_self\" ><\/a>\n<div class=\"pt-cv-taxoterm above_title\"><a href='https:\/\/www.dmsjuridica.com\/buscador_20179478954\/corteconstitucionalcronologico202454587\/category\/buscar-en-toda-la-corte\/2001\/tutelas-2001\/' title='Tutelas 2001' class='pt-cv-tax-tutelas-2001'>Tutelas 2001<\/a><\/div>\n<h4 class=\"pt-cv-title\"><a href=\"https:\/\/www.dmsjuridica.com\/buscador_20179478954\/corteconstitucionalcronologico202454587\/t-034-01\/\" class=\"_self\" target=\"_self\" >T-034-01<\/a><\/h4>\n<div class=\"pt-cv-content\">\u00a0 \u00a0 Sentencia T-034\/01 \u00a0 ACCION DE TUTELA-Procedencia excepcional pago de acreencias laborales \u00a0 DERECHO AL MINIMO VITAL DEL PENSIONADO-Pago oportuno de mesadas \u00a0 Reiteraci\u00f3n de Jurisprudencia \u00a0 Referencia: expediente T-361012 \u00a0 Acci\u00f3n de tutela instaurada por Hermencia Navarrete de Pavia contra la Gobernaci\u00f3n del Atl\u00e1ntico. \u00a0 Magistrado Ponente: \u00a0 Bogot\u00e1 D.C., a los dieciocho (18) d\u00edas del mes de enero del a\u00f1o dos mil uno (2001). \u00a0 La Sala Octava de Revisi\u00f3n de la Corte Constitucional, integrada por los Magistrados Cristina Pardo Schlesinger, Alvaro Tafur Galvis y Eduardo Montealegre Lynett, en ejercicio de sus competencias constitucionales y legales, ha ...<br \/><div class=\"pt-cv-rmwrap\"><a href=\"https:\/\/www.dmsjuridica.com\/buscador_20179478954\/corteconstitucionalcronologico202454587\/t-034-01\/\" class=\"_self pt-cv-readmore btn btn-success\" target=\"_self\">Ver Sentencia Completa...<\/a><\/div><\/div><\/div><\/div>\n<div class=\"col-md-12 col-sm-12 col-xs-12 pt-cv-content-item pt-cv-1-col\" ><div class='pt-cv-ifield'><a href=\"https:\/\/www.dmsjuridica.com\/buscador_20179478954\/corteconstitucionalcronologico202454587\/t-033-01\/\" class=\"_self pt-cv-href-thumbnail pt-cv-thumb-default\" target=\"_self\" ><\/a>\n<div class=\"pt-cv-taxoterm above_title\"><a href='https:\/\/www.dmsjuridica.com\/buscador_20179478954\/corteconstitucionalcronologico202454587\/category\/buscar-en-toda-la-corte\/2001\/tutelas-2001\/' title='Tutelas 2001' class='pt-cv-tax-tutelas-2001'>Tutelas 2001<\/a><\/div>\n<h4 class=\"pt-cv-title\"><a href=\"https:\/\/www.dmsjuridica.com\/buscador_20179478954\/corteconstitucionalcronologico202454587\/t-033-01\/\" class=\"_self\" target=\"_self\" >T-033-01<\/a><\/h4>\n<div class=\"pt-cv-content\">\u00a0 \u00a0 Sentencia T-033\/01 \u00a0 CONTRATO DE PRESTACION DE SERVICIOS DE DOCENTE-Subordinaci\u00f3n \u00a0 ACCION DE TUTELA-Procedencia excepcional pago de salarios \u00a0 DERECHO AL PAGO OPORTUNO DEL SALARIO-Fundamental \u00a0 DERECHO AL MINIMO VITAL-Prueba \u00a0de la amenaza \u00a0 CONTRATO DE TRABAJO Y CONTRATO DE PRESTACION DE SERVICIOS-Diferencia lo determina el elemento subordinaci\u00f3n \u00a0 Referencia: expedientes T-376462 y otros \u00a0 Accionante: Pedro Valenzuela Cort\u00e9s y otros \u00a0 Accionado: Alcald\u00eda Municipal de Tierralta \u00a0 Procedencia: Tribunal Administrativo de C\u00f3rdoba \u00a0 Magistrado Ponente:\u00a0 \u00a0 Dr. ALEJANDRO MART\u00cdNEZ CABALLERO \u00a0 Bogot\u00e1 D.C., diecinueve (19) de enero de dos mil (2001) \u00a0 La Sala Sexta de Revisi\u00f3n ...<br \/><div class=\"pt-cv-rmwrap\"><a href=\"https:\/\/www.dmsjuridica.com\/buscador_20179478954\/corteconstitucionalcronologico202454587\/t-033-01\/\" class=\"_self pt-cv-readmore btn btn-success\" target=\"_self\">Ver Sentencia Completa...<\/a><\/div><\/div><\/div><\/div>\n<div class=\"col-md-12 col-sm-12 col-xs-12 pt-cv-content-item pt-cv-1-col\" ><div class='pt-cv-ifield'><a href=\"https:\/\/www.dmsjuridica.com\/buscador_20179478954\/corteconstitucionalcronologico202454587\/t-032-01\/\" class=\"_self pt-cv-href-thumbnail pt-cv-thumb-default\" target=\"_self\" ><\/a>\n<div class=\"pt-cv-taxoterm above_title\"><a href='https:\/\/www.dmsjuridica.com\/buscador_20179478954\/corteconstitucionalcronologico202454587\/category\/buscar-en-toda-la-corte\/2001\/tutelas-2001\/' title='Tutelas 2001' class='pt-cv-tax-tutelas-2001'>Tutelas 2001<\/a><\/div>\n<h4 class=\"pt-cv-title\"><a href=\"https:\/\/www.dmsjuridica.com\/buscador_20179478954\/corteconstitucionalcronologico202454587\/t-032-01\/\" class=\"_self\" target=\"_self\" >T-032-01<\/a><\/h4>\n<div class=\"pt-cv-content\">\u00a0 \u00a0 Sentencia T-032\/01 \u00a0 DERECHO AL PAGO OPORTUNO DEL SALARIO-Fundamental \u00a0 ACCION DE TUTELA-Procedencia excepcional pago de salarios \u00a0 EMPLEADOR-Situaci\u00f3n econ\u00f3mica o presupuestal no es \u00f3bice para desconocer pago de salarios \u00a0 DERECHO AL MINIMO VITAL DEL TRABAJADOR-Presunci\u00f3n de afectaci\u00f3n por ausencia prolongada en pago de salarios \u00a0 Referencia: expedientes T-370617, T-370619, T-370620, T-370639 y T-370640 \u00a0 Accionante: Claudia Stella Angulo y otros\u00a0 \u00a0 Procedencia: Juzgado Promiscuo Municipal de Santiago de Tol\u00fa.\u00a0 \u00a0 Magistrado Ponente: \u00a0 Dr. ALEJANDRO MARTINEZ CABALLERO \u00a0 Bogot\u00e1, D.C., diecinueve (19) de Enero de dos mil uno (2001).\u00a0 \u00a0 La Sala Sexta de Revisi\u00f3n de ...<br \/><div class=\"pt-cv-rmwrap\"><a href=\"https:\/\/www.dmsjuridica.com\/buscador_20179478954\/corteconstitucionalcronologico202454587\/t-032-01\/\" class=\"_self pt-cv-readmore btn btn-success\" target=\"_self\">Ver Sentencia Completa...<\/a><\/div><\/div><\/div><\/div>\n<div class=\"col-md-12 col-sm-12 col-xs-12 pt-cv-content-item pt-cv-1-col\" ><div class='pt-cv-ifield'><a href=\"https:\/\/www.dmsjuridica.com\/buscador_20179478954\/corteconstitucionalcronologico202454587\/t-031-01\/\" class=\"_self pt-cv-href-thumbnail pt-cv-thumb-default\" target=\"_self\" ><\/a>\n<div class=\"pt-cv-taxoterm above_title\"><a href='https:\/\/www.dmsjuridica.com\/buscador_20179478954\/corteconstitucionalcronologico202454587\/category\/buscar-en-toda-la-corte\/2001\/tutelas-2001\/' title='Tutelas 2001' class='pt-cv-tax-tutelas-2001'>Tutelas 2001<\/a><\/div>\n<h4 class=\"pt-cv-title\"><a href=\"https:\/\/www.dmsjuridica.com\/buscador_20179478954\/corteconstitucionalcronologico202454587\/t-031-01\/\" class=\"_self\" target=\"_self\" >T-031-01<\/a><\/h4>\n<div class=\"pt-cv-content\">\u00a0 \u00a0 \u00a0 \u00a0 \u00a0 \u00a0 \u00a0 \u00a0 \u00a0 \u00a0 \u00a0 Sentencia T-031\/01 \u00a0 ACCION DE TUTELA-Naturaleza \u00a0 JUEZ CONSTITUCIONAL-Improcedencia para sustituir a las autoridades en las competencias asignadas por la Constituci\u00f3n Pol\u00edtica \u00a0 GOBIERNO NACIONAL-Formulaci\u00f3n anual del presupuesto y ley de apropiaciones\/JUEZ DE TUTELA-Imposibilidad de modificar presupuesto para incremento salarial de servidores p\u00fablicos \u00a0 ACCION DE TUTELA COMO MECANISMO TRANSITORIO-Improcedencia incremento salarial para servidores p\u00fablicos \u00a0 Referencia: expedientes T-364755 y otros \u00a0 Accionantes: Maritza Estella Pab\u00f3n Casta\u00f1eda y otros \u00a0 Magistrado Ponente:\u00a0 \u00a0 Dr. ALEJANDRO MART\u00cdNEZ CABALLERO \u00a0 La Sala Sexta de Revisi\u00f3n de la Corte Constitucional, integrada por ...<br \/><div class=\"pt-cv-rmwrap\"><a href=\"https:\/\/www.dmsjuridica.com\/buscador_20179478954\/corteconstitucionalcronologico202454587\/t-031-01\/\" class=\"_self pt-cv-readmore btn btn-success\" target=\"_self\">Ver Sentencia Completa...<\/a><\/div><\/div><\/div><\/div>\n<div class=\"col-md-12 col-sm-12 col-xs-12 pt-cv-content-item pt-cv-1-col\" ><div class='pt-cv-ifield'><a href=\"https:\/\/www.dmsjuridica.com\/buscador_20179478954\/corteconstitucionalcronologico202454587\/t-030-01\/\" class=\"_self pt-cv-href-thumbnail pt-cv-thumb-default\" target=\"_self\" ><\/a>\n<div class=\"pt-cv-taxoterm above_title\"><a href='https:\/\/www.dmsjuridica.com\/buscador_20179478954\/corteconstitucionalcronologico202454587\/category\/buscar-en-toda-la-corte\/2001\/tutelas-2001\/' title='Tutelas 2001' class='pt-cv-tax-tutelas-2001'>Tutelas 2001<\/a><\/div>\n<h4 class=\"pt-cv-title\"><a href=\"https:\/\/www.dmsjuridica.com\/buscador_20179478954\/corteconstitucionalcronologico202454587\/t-030-01\/\" class=\"_self\" target=\"_self\" >T-030-01<\/a><\/h4>\n<div class=\"pt-cv-content\">\u00a0 \u00a0 Sentencia T-030\/01 \u00a0 BONOS PENSIONALES-Ultima entidad empleadora reconoce y expide la totalidad \u00a0 SEGURO SOCIAL-Pago de pensi\u00f3n una vez sea expedido el bono pensional\/SEGURO SOCIAL-Exigencia de certificaci\u00f3n sobre existencia de recursos para pago del bono pensional \u00a0 De conformidad con lo dispuesto por el art\u00edculo 11 del Decreto 1296 de 1994, el ISS reconocer\u00e1 y pagar\u00e1 la pensi\u00f3n de aquellos servidores o exservidores p\u00fablicos del nivel territorial afiliados al ISS a partir del 1\u00ba de abril de 1994, una vez sea expedido el respectivo bono pensional a que tengan derecho por parte de la caja, fondo o entidad ...<br \/><div class=\"pt-cv-rmwrap\"><a href=\"https:\/\/www.dmsjuridica.com\/buscador_20179478954\/corteconstitucionalcronologico202454587\/t-030-01\/\" class=\"_self pt-cv-readmore btn btn-success\" target=\"_self\">Ver Sentencia Completa...<\/a><\/div><\/div><\/div><\/div>\n<div class=\"col-md-12 col-sm-12 col-xs-12 pt-cv-content-item pt-cv-1-col\" ><div class='pt-cv-ifield'><a href=\"https:\/\/www.dmsjuridica.com\/buscador_20179478954\/corteconstitucionalcronologico202454587\/t-029-01\/\" class=\"_self pt-cv-href-thumbnail pt-cv-thumb-default\" target=\"_self\" ><\/a>\n<div class=\"pt-cv-taxoterm above_title\"><a href='https:\/\/www.dmsjuridica.com\/buscador_20179478954\/corteconstitucionalcronologico202454587\/category\/buscar-en-toda-la-corte\/2001\/tutelas-2001\/' title='Tutelas 2001' class='pt-cv-tax-tutelas-2001'>Tutelas 2001<\/a><\/div>\n<h4 class=\"pt-cv-title\"><a href=\"https:\/\/www.dmsjuridica.com\/buscador_20179478954\/corteconstitucionalcronologico202454587\/t-029-01\/\" class=\"_self\" target=\"_self\" >T-029-01<\/a><\/h4>\n<div class=\"pt-cv-content\">\u00a0 \u00a0 Sentencia T-029\/01 \u00a0 ESTADO SOCIAL DE DERECHO-Protecci\u00f3n a personas en circunstancias de debilidad manifiesta \u00a0 CLAUSULA DEL ESTADO SOCIAL DE DERECHO-Alcance \u00a0 PRINCIPIO DE DIGNIDAD HUMANA-Naturaleza \u00a0 DEBER DE SOLIDARIDAD-Subsidio alimentario a indigentes \u00a0 PROGRAMA DE AUXILIOS PARA ANCIANOS INDIGENTES-Apropiaciones de car\u00e1cter espec\u00edfico \u00a0 JUEZ CONSTITUCIONAL-Improcedencia para sustituir a las autoridades en las competencias asignadas por la Constituci\u00f3n Pol\u00edtica\/JUEZ CONSTITUCIONAL-No es competente para ordenar el gasto \u00a0 Referencia: expedientes T-345474 y otros \u00a0 \u00a0 \u00a0 Acci\u00f3n de tutela instaurada por Jos\u00e9 Tulio Castillo y otros contra el municipio de Chaparral \u00a0 Procedencia: Juzgado Promiscuo de Familia de Chaparral ...<br \/><div class=\"pt-cv-rmwrap\"><a href=\"https:\/\/www.dmsjuridica.com\/buscador_20179478954\/corteconstitucionalcronologico202454587\/t-029-01\/\" class=\"_self pt-cv-readmore btn btn-success\" target=\"_self\">Ver Sentencia Completa...<\/a><\/div><\/div><\/div><\/div>\n<div class=\"col-md-12 col-sm-12 col-xs-12 pt-cv-content-item pt-cv-1-col\" ><div class='pt-cv-ifield'><a href=\"https:\/\/www.dmsjuridica.com\/buscador_20179478954\/corteconstitucionalcronologico202454587\/t-028-01\/\" class=\"_self pt-cv-href-thumbnail pt-cv-thumb-default\" target=\"_self\" ><\/a>\n<div class=\"pt-cv-taxoterm above_title\"><a href='https:\/\/www.dmsjuridica.com\/buscador_20179478954\/corteconstitucionalcronologico202454587\/category\/buscar-en-toda-la-corte\/2001\/tutelas-2001\/' title='Tutelas 2001' class='pt-cv-tax-tutelas-2001'>Tutelas 2001<\/a><\/div>\n<h4 class=\"pt-cv-title\"><a href=\"https:\/\/www.dmsjuridica.com\/buscador_20179478954\/corteconstitucionalcronologico202454587\/t-028-01\/\" class=\"_self\" target=\"_self\" >T-028-01<\/a><\/h4>\n<div class=\"pt-cv-content\">\u00a0 \u00a0 Sentencia T-028\/01 \u00a0 ACCION DE TUTELA-Improcedencia para subsanar errores propios del accionante \u00a0 RECURSO DE CASACION-No sustentaci\u00f3n\/ACCION DE TUTELA-Improcedencia para restituci\u00f3n de t\u00e9rminos \u00a0 Referencia: expediente T-341537 \u00a0 Peticionario: Raul Dorance Otalvaro Espinosa \u00a0 Demandado: Tribunal Superior de Bogot\u00e1, Sala Laboral \u00a0 Procedencia: Tribunal Administrativo de Cundinamarca, Secci\u00f3n Primera, Subsecci\u00f3n A \u00a0 Magistrado Ponente:\u00a0 \u00a0 Dr. ALEJANDRO MART\u00cdNEZ CABALLERO \u00a0 Bogot\u00e1 D.C., \u00a0diecinueve \u00a0(19) \u00a0de \u00a0enero \u00a0de dos mil uno (2001) \u00a0 La Sala Sexta de la Corte Constitucional, integrada por los Magistrados doctores, Fabio Mor\u00f3n D\u00edaz, Cristina Pardo Schlesinger, y Alejandro Mart\u00ednez Caballero, quien la preside, \u00a0en ...<br \/><div class=\"pt-cv-rmwrap\"><a href=\"https:\/\/www.dmsjuridica.com\/buscador_20179478954\/corteconstitucionalcronologico202454587\/t-028-01\/\" class=\"_self pt-cv-readmore btn btn-success\" target=\"_self\">Ver Sentencia Completa...<\/a><\/div><\/div><\/div><\/div>\n<div class=\"col-md-12 col-sm-12 col-xs-12 pt-cv-content-item pt-cv-1-col\" ><div class='pt-cv-ifield'><a href=\"https:\/\/www.dmsjuridica.com\/buscador_20179478954\/corteconstitucionalcronologico202454587\/t-027-01\/\" class=\"_self pt-cv-href-thumbnail pt-cv-thumb-default\" target=\"_self\" ><\/a>\n<div class=\"pt-cv-taxoterm above_title\"><a href='https:\/\/www.dmsjuridica.com\/buscador_20179478954\/corteconstitucionalcronologico202454587\/category\/buscar-en-toda-la-corte\/2001\/tutelas-2001\/' title='Tutelas 2001' class='pt-cv-tax-tutelas-2001'>Tutelas 2001<\/a><\/div>\n<h4 class=\"pt-cv-title\"><a href=\"https:\/\/www.dmsjuridica.com\/buscador_20179478954\/corteconstitucionalcronologico202454587\/t-027-01\/\" class=\"_self\" target=\"_self\" >T-027-01<\/a><\/h4>\n<div class=\"pt-cv-content\">\u00a0 \u00a0 Sentencia T-027\/01 \u00a0 ACCION DE TUTELA-Procedencia excepcional pago de subsidio familiar \u00a0 ACCION DE TUTELA-Improcedencia para el caso \u00a0 Referencia: expediente T-366617\u00a0 \u00a0 Acci\u00f3n de tutela incoada por Mar\u00eda Gabriela \u00a0Giraldo Londo\u00f1o contra el Municipio de Sons\u00f3n. \u00a0 Magistrado Ponente: \u00a0 Dr. JOS\u00c9 GREGORIO HERN\u00c1NDEZ GALINDO \u00a0 Bogot\u00e1, D.C., dieciocho (18) de enero de dos mil uno (2001). \u00a0 La Sala Quinta de Revisi\u00f3n de la Corte Constitucional, en ejercicio de sus atribuciones constitucionales y legales, espec\u00edficamente las previstas en los art\u00edculos 86 y \u00a0241, numeral 9, de la Constituci\u00f3n Pol\u00edtica y en el Decreto 2591 de 1991, ...<br \/><div class=\"pt-cv-rmwrap\"><a href=\"https:\/\/www.dmsjuridica.com\/buscador_20179478954\/corteconstitucionalcronologico202454587\/t-027-01\/\" class=\"_self pt-cv-readmore btn btn-success\" target=\"_self\">Ver Sentencia Completa...<\/a><\/div><\/div><\/div><\/div>\n<div class=\"col-md-12 col-sm-12 col-xs-12 pt-cv-content-item pt-cv-1-col\" ><div class='pt-cv-ifield'><a href=\"https:\/\/www.dmsjuridica.com\/buscador_20179478954\/corteconstitucionalcronologico202454587\/t-026-01\/\" class=\"_self pt-cv-href-thumbnail pt-cv-thumb-default\" target=\"_self\" ><\/a>\n<div class=\"pt-cv-taxoterm above_title\"><a href='https:\/\/www.dmsjuridica.com\/buscador_20179478954\/corteconstitucionalcronologico202454587\/category\/buscar-en-toda-la-corte\/2001\/tutelas-2001\/' title='Tutelas 2001' class='pt-cv-tax-tutelas-2001'>Tutelas 2001<\/a><\/div>\n<h4 class=\"pt-cv-title\"><a href=\"https:\/\/www.dmsjuridica.com\/buscador_20179478954\/corteconstitucionalcronologico202454587\/t-026-01\/\" class=\"_self\" target=\"_self\" >T-026-01<\/a><\/h4>\n<div class=\"pt-cv-content\">\u00a0 \u00a0 Sentencia T-026\/01 \u00a0 DERECHO AL TRABAJO EN CONDICIONES DIGNAS Y JUSTAS-Remuneraci\u00f3n proporcional a cantidad y calidad \u00a0 El trabajo se preserva por la normativa constitucional \"en condiciones dignas y justas\", es decir, sobre el supuesto de que quien aporta su esfuerzo a cambio de la remuneraci\u00f3n es un ser humano, que constituye finalidad y prop\u00f3sito de la organizaci\u00f3n pol\u00edtica, del orden jur\u00eddico y de las autoridades, y jam\u00e1s un medio ni un instrumento para alcanzar otros fines, sean ellos particulares o p\u00fablicos. Es propio de la dignidad en que debe desenvolverse la relaci\u00f3n laboral que el trabajo se ...<br \/><div class=\"pt-cv-rmwrap\"><a href=\"https:\/\/www.dmsjuridica.com\/buscador_20179478954\/corteconstitucionalcronologico202454587\/t-026-01\/\" class=\"_self pt-cv-readmore btn btn-success\" target=\"_self\">Ver Sentencia Completa...<\/a><\/div><\/div><\/div><\/div>\n<div class=\"col-md-12 col-sm-12 col-xs-12 pt-cv-content-item pt-cv-1-col\" ><div class='pt-cv-ifield'><a href=\"https:\/\/www.dmsjuridica.com\/buscador_20179478954\/corteconstitucionalcronologico202454587\/t-025-01\/\" class=\"_self pt-cv-href-thumbnail pt-cv-thumb-default\" target=\"_self\" ><\/a>\n<div class=\"pt-cv-taxoterm above_title\"><a href='https:\/\/www.dmsjuridica.com\/buscador_20179478954\/corteconstitucionalcronologico202454587\/category\/buscar-en-toda-la-corte\/2001\/tutelas-2001\/' title='Tutelas 2001' class='pt-cv-tax-tutelas-2001'>Tutelas 2001<\/a><\/div>\n<h4 class=\"pt-cv-title\"><a href=\"https:\/\/www.dmsjuridica.com\/buscador_20179478954\/corteconstitucionalcronologico202454587\/t-025-01\/\" class=\"_self\" target=\"_self\" >T-025-01<\/a><\/h4>\n<div class=\"pt-cv-content\">\u00a0 \u00a0 Sentencia T-025\/01 \u00a0 ACCION DE TUTELA CONTRA PROVIDENCIAS JUDICIALES-Procedencia excepcional \u00a0 DOCTRINA CONSTITUCIONAL SOBRE VIA DE HECHO\/VIA DE HECHO-Clases de defectos en la actuaci\u00f3n \u00a0 VIA DE HECHO-An\u00e1lisis y valoraci\u00f3n de pruebas por jueces \u00a0 OMISION EN VALORACION O PRACTICA DE PRUEBAS-No constituye v\u00eda de hecho \u00a0 La sola omisi\u00f3n en la valoraci\u00f3n o pr\u00e1ctica de una prueba, no es constitutiva de una v\u00eda de hecho. Para que \u00e9sta se produzca, debe tratarse \u00a0de errores manifiestos u ostensibles, atribuibles a una actitud caprichosa o arbitraria del funcionario competente. Adem\u00e1s, esas pruebas deben tener la capacidad inequ\u00edvoca de modificar ...<br \/><div class=\"pt-cv-rmwrap\"><a href=\"https:\/\/www.dmsjuridica.com\/buscador_20179478954\/corteconstitucionalcronologico202454587\/t-025-01\/\" class=\"_self pt-cv-readmore btn btn-success\" target=\"_self\">Ver Sentencia Completa...<\/a><\/div><\/div><\/div><\/div>\n<div class=\"col-md-12 col-sm-12 col-xs-12 pt-cv-content-item pt-cv-1-col\" ><div class='pt-cv-ifield'><a href=\"https:\/\/www.dmsjuridica.com\/buscador_20179478954\/corteconstitucionalcronologico202454587\/t-024-01\/\" class=\"_self pt-cv-href-thumbnail pt-cv-thumb-default\" target=\"_self\" ><\/a>\n<div class=\"pt-cv-taxoterm above_title\"><a href='https:\/\/www.dmsjuridica.com\/buscador_20179478954\/corteconstitucionalcronologico202454587\/category\/buscar-en-toda-la-corte\/2001\/tutelas-2001\/' title='Tutelas 2001' class='pt-cv-tax-tutelas-2001'>Tutelas 2001<\/a><\/div>\n<h4 class=\"pt-cv-title\"><a href=\"https:\/\/www.dmsjuridica.com\/buscador_20179478954\/corteconstitucionalcronologico202454587\/t-024-01\/\" class=\"_self\" target=\"_self\" >T-024-01<\/a><\/h4>\n<div class=\"pt-cv-content\">\u00a0 \u00a0 Sentencia T-024\/01 \u00a0 PROCESO DE LIQUIDACION OBLIGATORIA-Pago preferente de salarios y mesadas pensionales \u00a0 EMPLEADOR-Inexistencia de negligencia en crisis econ\u00f3mica o presupuestal no exime el pago de salarios y mesadas pensionales \u00a0 Referencia: expediente T-360337 \u00a0 Acci\u00f3n de tutela instaurada por Evelio Humberto Moreno contra la Compa\u00f1\u00eda de Inversiones de la Flota Mercante S.A., en liquidaci\u00f3n. \u00a0 Magistrado Ponente: \u00a0 Dr. EDUARDO MONTEALEGRE LYNETT \u00a0 Bogot\u00e1, D.C., dieciocho (18) de enero de dos mil uno (2001). \u00a0 La Sala Primera de Revisi\u00f3n de la Corte Constitucional, integrada por los Magistrados Eduardo Montealegre Lynett, Alfredo Beltr\u00e1n Sierra y Martha ...<br \/><div class=\"pt-cv-rmwrap\"><a href=\"https:\/\/www.dmsjuridica.com\/buscador_20179478954\/corteconstitucionalcronologico202454587\/t-024-01\/\" class=\"_self pt-cv-readmore btn btn-success\" target=\"_self\">Ver Sentencia Completa...<\/a><\/div><\/div><\/div><\/div>\n<div class=\"col-md-12 col-sm-12 col-xs-12 pt-cv-content-item pt-cv-1-col\" ><div class='pt-cv-ifield'><a href=\"https:\/\/www.dmsjuridica.com\/buscador_20179478954\/corteconstitucionalcronologico202454587\/t-023-01\/\" class=\"_self pt-cv-href-thumbnail pt-cv-thumb-default\" target=\"_self\" ><\/a>\n<div class=\"pt-cv-taxoterm above_title\"><a href='https:\/\/www.dmsjuridica.com\/buscador_20179478954\/corteconstitucionalcronologico202454587\/category\/buscar-en-toda-la-corte\/2001\/tutelas-2001\/' title='Tutelas 2001' class='pt-cv-tax-tutelas-2001'>Tutelas 2001<\/a><\/div>\n<h4 class=\"pt-cv-title\"><a href=\"https:\/\/www.dmsjuridica.com\/buscador_20179478954\/corteconstitucionalcronologico202454587\/t-023-01\/\" class=\"_self\" target=\"_self\" >T-023-01<\/a><\/h4>\n<div class=\"pt-cv-content\">\u00a0 \u00a0 Sentencia T-023\/01 \u00a0 PERJUICIO IRREMEDIABLE-Inexistencia\/MEDIO DE DEFENSA JUDICIAL-Pago de salarios atrasados \u00a0 Referencia: expedientes T-359753 y T-359878 \u00a0 Acciones de tutela instauradas por Luz Herenia Tello Hinestroza y Ana Tulia Mosquera Quinto contra el municipio de Istmina. \u00a0 Magistrado Ponente: \u00a0 Dr. EDUARDO MONTEALEGRE LYNETT \u00a0 Bogot\u00e1, D.C. enero dieciocho (18) de dos mil uno (2001). \u00a0 La Sala Primera de Revisi\u00f3n de la Corte Constitucional, integrada por los Magistrados Eduardo Montealegre Lynett, Alfredo Beltr\u00e1n Sierra y Martha Victoria S\u00e1chica M\u00e9ndez, en ejercicio de sus competencias constitucionales y legales ha proferido la siguiente \u00a0 SENTENCIA \u00a0 dentro del ...<br \/><div class=\"pt-cv-rmwrap\"><a href=\"https:\/\/www.dmsjuridica.com\/buscador_20179478954\/corteconstitucionalcronologico202454587\/t-023-01\/\" class=\"_self pt-cv-readmore btn btn-success\" target=\"_self\">Ver Sentencia Completa...<\/a><\/div><\/div><\/div><\/div>\n<div class=\"col-md-12 col-sm-12 col-xs-12 pt-cv-content-item pt-cv-1-col\" ><div class='pt-cv-ifield'><a href=\"https:\/\/www.dmsjuridica.com\/buscador_20179478954\/corteconstitucionalcronologico202454587\/t-022-01\/\" class=\"_self pt-cv-href-thumbnail pt-cv-thumb-default\" target=\"_self\" ><\/a>\n<div class=\"pt-cv-taxoterm above_title\"><a href='https:\/\/www.dmsjuridica.com\/buscador_20179478954\/corteconstitucionalcronologico202454587\/category\/buscar-en-toda-la-corte\/2001\/tutelas-2001\/' title='Tutelas 2001' class='pt-cv-tax-tutelas-2001'>Tutelas 2001<\/a><\/div>\n<h4 class=\"pt-cv-title\"><a href=\"https:\/\/www.dmsjuridica.com\/buscador_20179478954\/corteconstitucionalcronologico202454587\/t-022-01\/\" class=\"_self\" target=\"_self\" >T-022-01<\/a><\/h4>\n<div class=\"pt-cv-content\">\u00a0 \u00a0 Sentencia T-022\/01 \u00a0 PRINCIPIO A TRABAJO IGUAL PENSION IGUAL-No es absoluto \u00a0 El principio jur\u00eddico que ha orientado la jurisprudencia de la Corte en la materia se debe entender como una derivaci\u00f3n de aqu\u00e9l que establece que \u201ca trabajo igual, salario igual\u201d. Del mismo modo, para esta Corte, \u201ca trabajo igual, pensi\u00f3n igual\u201d. Con todo, este principio no debe entenderse de manera absoluta. Su relatividad se debe a que la seguridad social es un servicio p\u00fablico, y que, como tal, est\u00e1 regido tambi\u00e9n por los de continuidad y universalidad, los cuales, en materia del servicio p\u00fablico de seguridad ...<br \/><div class=\"pt-cv-rmwrap\"><a href=\"https:\/\/www.dmsjuridica.com\/buscador_20179478954\/corteconstitucionalcronologico202454587\/t-022-01\/\" class=\"_self pt-cv-readmore btn btn-success\" target=\"_self\">Ver Sentencia Completa...<\/a><\/div><\/div><\/div><\/div>\n<div class=\"col-md-12 col-sm-12 col-xs-12 pt-cv-content-item pt-cv-1-col\" ><div class='pt-cv-ifield'><a href=\"https:\/\/www.dmsjuridica.com\/buscador_20179478954\/corteconstitucionalcronologico202454587\/t-021-01\/\" class=\"_self pt-cv-href-thumbnail pt-cv-thumb-default\" target=\"_self\" ><\/a>\n<div class=\"pt-cv-taxoterm above_title\"><a href='https:\/\/www.dmsjuridica.com\/buscador_20179478954\/corteconstitucionalcronologico202454587\/category\/buscar-en-toda-la-corte\/2001\/tutelas-2001\/' title='Tutelas 2001' class='pt-cv-tax-tutelas-2001'>Tutelas 2001<\/a><\/div>\n<h4 class=\"pt-cv-title\"><a href=\"https:\/\/www.dmsjuridica.com\/buscador_20179478954\/corteconstitucionalcronologico202454587\/t-021-01\/\" class=\"_self\" target=\"_self\" >T-021-01<\/a><\/h4>\n<div class=\"pt-cv-content\">\u00a0 \u00a0 Sentencia T-021\/01 \u00a0 ACCION DE TUTELA-Procedencia excepcional pago de acreencias laborales \u00a0 DERECHO AL MINIMO VITAL DEL PENSIONADO-Pago oportuno de mesadas \u00a0 Referencia: expedientes T-384.414 y 383.670 acumulados \u00a0 Peticionario: Francisco de Jes\u00fas Londo\u00f1o Bedoya y Mario Uribe D\u00edaz \u00a0 Magistrada Ponente (e): \u00a0 Dra. CRISTINA PARDO SCHLESINGER \u00a0 \u00a0 \u00a0 \u00a0 \u00a0 \u00a0 \u00a0 \u00a0 \u00a0 \u00a0 \u00a0 \u00a0 \u00a0 \u00a0 \u00a0 \u00a0 \u00a0 \u00a0 \u00a0 \u00a0 \u00a0 \u00a0 Reiteraci\u00f3n de Jurisprudencia \u00a0 Bogot\u00e1, D.C., dieciocho (18) de enero de dos mil uno (2001). \u00a0 SENTENCIA \u00a0 en los procesos de tutela acumulados radicados bajo los n\u00fameros ...<br \/><div class=\"pt-cv-rmwrap\"><a href=\"https:\/\/www.dmsjuridica.com\/buscador_20179478954\/corteconstitucionalcronologico202454587\/t-021-01\/\" class=\"_self pt-cv-readmore btn btn-success\" target=\"_self\">Ver Sentencia Completa...<\/a><\/div><\/div><\/div><\/div>\n<div class=\"col-md-12 col-sm-12 col-xs-12 pt-cv-content-item pt-cv-1-col\" ><div class='pt-cv-ifield'><a href=\"https:\/\/www.dmsjuridica.com\/buscador_20179478954\/corteconstitucionalcronologico202454587\/t-020-01\/\" class=\"_self pt-cv-href-thumbnail pt-cv-thumb-default\" target=\"_self\" ><\/a>\n<div class=\"pt-cv-taxoterm above_title\"><a href='https:\/\/www.dmsjuridica.com\/buscador_20179478954\/corteconstitucionalcronologico202454587\/category\/buscar-en-toda-la-corte\/2001\/tutelas-2001\/' title='Tutelas 2001' class='pt-cv-tax-tutelas-2001'>Tutelas 2001<\/a><\/div>\n<h4 class=\"pt-cv-title\"><a href=\"https:\/\/www.dmsjuridica.com\/buscador_20179478954\/corteconstitucionalcronologico202454587\/t-020-01\/\" class=\"_self\" target=\"_self\" >T-020-01<\/a><\/h4>\n<div class=\"pt-cv-content\">\u00a0 \u00a0 Sentencia T-020\/01 \u00a0 PENSION DE SOBREVIVIENTES-L\u00edmite temporal \u00a0 PENSION DE SOBREVIVIENTES-No extinci\u00f3n por nuevo matrimonio \u00a0 SUSTITUCION PENSIONAL-Naturaleza jur\u00eddica \u00a0 ACCION DE TUTELA TRANSITORIA-Procedencia reanudaci\u00f3n pago de mesadas pensionales por fundamentarse en norma derogada \u00a0 Referencia: expediente T-367.542 \u00a0 Peticionario: Nidia Piedad D\u00edaz Ruiz \u00a0 Magistrada Ponente (e): \u00a0 Dra. CRISTINA PARDO SCHLESINGER \u00a0 Bogot\u00e1, D.C., dieciocho (18) de enero de dos mil uno (2001). \u00a0 La Sala Octava de Revisi\u00f3n de la Corte Constitucional, conformada por los magistrados Cristina Pardo Schlesinger -Presidente de la Sala-, Alvaro Tafur Galvis y Eduardo Montealegre Lynett, ha pronunciado la siguiente: \u00a0 ...<br \/><div class=\"pt-cv-rmwrap\"><a href=\"https:\/\/www.dmsjuridica.com\/buscador_20179478954\/corteconstitucionalcronologico202454587\/t-020-01\/\" class=\"_self pt-cv-readmore btn btn-success\" target=\"_self\">Ver Sentencia Completa...<\/a><\/div><\/div><\/div><\/div>\n<div class=\"col-md-12 col-sm-12 col-xs-12 pt-cv-content-item pt-cv-1-col\" ><div class='pt-cv-ifield'><a href=\"https:\/\/www.dmsjuridica.com\/buscador_20179478954\/corteconstitucionalcronologico202454587\/t-019-01\/\" class=\"_self pt-cv-href-thumbnail pt-cv-thumb-default\" target=\"_self\" ><\/a>\n<div class=\"pt-cv-taxoterm above_title\"><a href='https:\/\/www.dmsjuridica.com\/buscador_20179478954\/corteconstitucionalcronologico202454587\/category\/buscar-en-toda-la-corte\/2001\/tutelas-2001\/' title='Tutelas 2001' class='pt-cv-tax-tutelas-2001'>Tutelas 2001<\/a><\/div>\n<h4 class=\"pt-cv-title\"><a href=\"https:\/\/www.dmsjuridica.com\/buscador_20179478954\/corteconstitucionalcronologico202454587\/t-019-01\/\" class=\"_self\" target=\"_self\" >T-019-01<\/a><\/h4>\n<div class=\"pt-cv-content\">\u00a0 \u00a0 Sentencia T-019\/01 \u00a0 DERECHO AL MINIMO VITAL DEL PENSIONADO-Pago oportuno de mesadas\/EMPLEADOR-Situaci\u00f3n econ\u00f3mica o presupuestal no es \u00f3bice para desconocer pago de mesadas pensionales \u00a0 Referencia: expediente T-397.134 \u00a0 Acci\u00f3n de tutela de Gerardo Olmedo Rodr\u00edguez Suarez, contra la Empresa Licorera de Nari\u00f1o.\u00a0 \u00a0 Procedencia: Tribunal Superior de Pasto, Sala Laboral. \u00a0 Magistrado Ponente :\u00a0 \u00a0 Dr. ALFREDO BELTR\u00c1N SIERRA \u00a0 Sentencia aprobada en Bogot\u00e1 D.C., en sesi\u00f3n del dieciocho (18) de enero \u00a0 \u00a0 \u00a0 \u00a0 \u00a0 \u00a0 de dos mil uno (2001). \u00a0 La Sala Segunda de Revisi\u00f3n de la Corte Constitucional, integrada por los magistrados ...<br \/><div class=\"pt-cv-rmwrap\"><a href=\"https:\/\/www.dmsjuridica.com\/buscador_20179478954\/corteconstitucionalcronologico202454587\/t-019-01\/\" class=\"_self pt-cv-readmore btn btn-success\" target=\"_self\">Ver Sentencia Completa...<\/a><\/div><\/div><\/div><\/div>\n<div class=\"col-md-12 col-sm-12 col-xs-12 pt-cv-content-item pt-cv-1-col\" ><div class='pt-cv-ifield'><a href=\"https:\/\/www.dmsjuridica.com\/buscador_20179478954\/corteconstitucionalcronologico202454587\/t-018-01\/\" class=\"_self pt-cv-href-thumbnail pt-cv-thumb-default\" target=\"_self\" ><\/a>\n<div class=\"pt-cv-taxoterm above_title\"><a href='https:\/\/www.dmsjuridica.com\/buscador_20179478954\/corteconstitucionalcronologico202454587\/category\/buscar-en-toda-la-corte\/2001\/tutelas-2001\/' title='Tutelas 2001' class='pt-cv-tax-tutelas-2001'>Tutelas 2001<\/a><\/div>\n<h4 class=\"pt-cv-title\"><a href=\"https:\/\/www.dmsjuridica.com\/buscador_20179478954\/corteconstitucionalcronologico202454587\/t-018-01\/\" class=\"_self\" target=\"_self\" >T-018-01<\/a><\/h4>\n<div class=\"pt-cv-content\">\u00a0 \u00a0 Sentencia T-018\/01 \u00a0 DERECHO AL MINIMO VITAL DE PERSONA DE LA TERCERA EDAD-Pago oportuno de mesadas pensionales \u00a0 JUEZ CONSTITUCIONAL-No es competente para resolver cual entidad es la que debe pagar mesadas pensionales\/DERECHO AL MINIMO VITAL DEL PENSIONADO-Pago oportuno de mesadas \u00a0 Referencia: expediente T-394.043\u00a0 \u00a0 Actores: William de Jes\u00fas Cuartas y otros\u00a0 \u00a0 Procedencia: Juzgado Segundo Civil del Circuito de Sevilla -Valle del Cauca- \u00a0 Magistrado Ponente:\u00a0 \u00a0 Dr. ALFREDO BELTR\u00c1N SIERRA \u00a0 Sentencia aprobada en Bogot\u00e1 D.C., a los dieciocho (18) d\u00edas del mes de \u00a0enero del a\u00f1o dos mil uno (2001). \u00a0 La Sala Segunda ...<br \/><div class=\"pt-cv-rmwrap\"><a href=\"https:\/\/www.dmsjuridica.com\/buscador_20179478954\/corteconstitucionalcronologico202454587\/t-018-01\/\" class=\"_self pt-cv-readmore btn btn-success\" target=\"_self\">Ver Sentencia Completa...<\/a><\/div><\/div><\/div><\/div>\n<div class=\"col-md-12 col-sm-12 col-xs-12 pt-cv-content-item pt-cv-1-col\" ><div class='pt-cv-ifield'><a href=\"https:\/\/www.dmsjuridica.com\/buscador_20179478954\/corteconstitucionalcronologico202454587\/t-017-01\/\" class=\"_self pt-cv-href-thumbnail pt-cv-thumb-default\" target=\"_self\" ><\/a>\n<div class=\"pt-cv-taxoterm above_title\"><a href='https:\/\/www.dmsjuridica.com\/buscador_20179478954\/corteconstitucionalcronologico202454587\/category\/buscar-en-toda-la-corte\/2001\/tutelas-2001\/' title='Tutelas 2001' class='pt-cv-tax-tutelas-2001'>Tutelas 2001<\/a><\/div>\n<h4 class=\"pt-cv-title\"><a href=\"https:\/\/www.dmsjuridica.com\/buscador_20179478954\/corteconstitucionalcronologico202454587\/t-017-01\/\" class=\"_self\" target=\"_self\" >T-017-01<\/a><\/h4>\n<div class=\"pt-cv-content\">\u00a0 \u00a0 Sentencia T-017\/01 \u00a0 ACCION DE TUTELA-Improcedencia general pago de mesadas pensionales atrasadas\/PENSION DE SOBREVIVIENTES-No pago de mesadas por inconsistencias en la identificaci\u00f3n del actor \u00a0 Referencia: expediente T-393.705 \u00a0 Acci\u00f3n de tutela instaurada por Maritza Dolores Pimienta Ruiz contra la Corporaci\u00f3n Social de Ahorro y Vivienda Colmena. \u00a0 Magistrado Ponente: \u00a0 Dr. ALFREDO BELTR\u00c1N SIERRA. \u00a0 Bogot\u00e1, D.C., diez y ocho (18) de enero del a\u00f1o dos mil uno (2001). \u00a0 La Sala Segunda de Revisi\u00f3n de la Corte Constitucional, en ejercicio de sus competencias constitucionales y legales, ha proferido la siguiente\u00a0 \u00a0 SENTENCIA\u00a0 \u00a0 El expediente lleg\u00f3 ...<br \/><div class=\"pt-cv-rmwrap\"><a href=\"https:\/\/www.dmsjuridica.com\/buscador_20179478954\/corteconstitucionalcronologico202454587\/t-017-01\/\" class=\"_self pt-cv-readmore btn btn-success\" target=\"_self\">Ver Sentencia Completa...<\/a><\/div><\/div><\/div><\/div>\n<div class=\"col-md-12 col-sm-12 col-xs-12 pt-cv-content-item pt-cv-1-col\" ><div class='pt-cv-ifield'><a href=\"https:\/\/www.dmsjuridica.com\/buscador_20179478954\/corteconstitucionalcronologico202454587\/t-016-01\/\" class=\"_self pt-cv-href-thumbnail pt-cv-thumb-default\" target=\"_self\" ><\/a>\n<div class=\"pt-cv-taxoterm above_title\"><a href='https:\/\/www.dmsjuridica.com\/buscador_20179478954\/corteconstitucionalcronologico202454587\/category\/buscar-en-toda-la-corte\/2001\/tutelas-2001\/' title='Tutelas 2001' class='pt-cv-tax-tutelas-2001'>Tutelas 2001<\/a><\/div>\n<h4 class=\"pt-cv-title\"><a href=\"https:\/\/www.dmsjuridica.com\/buscador_20179478954\/corteconstitucionalcronologico202454587\/t-016-01\/\" class=\"_self\" target=\"_self\" >T-016-01<\/a><\/h4>\n<div class=\"pt-cv-content\">\u00a0 \u00a0 Sentencia T-016\/01 \u00a0 ACCION DE TUTELA-Carencia actual de objeto por fallecimiento del enfermo\/SENTENCIA DE REVISION DE TUTELA-Fallecimiento de actor no exime pronunciamiento de fondo \u00a0 ENTIDAD PRESTADORA DEL SERVICIO PUBLICO DE SALUD-Obstaculizaci\u00f3n del servicio por tr\u00e1mites burocr\u00e1ticos\/ENTIDAD PRESTADORA DEL SERVICIO DE SALUD-Dilaci\u00f3n injustificada de cirug\u00eda urgente \u00a0 Referencia: expediente T-393393 \u00a0 Peticionario: Gabriel Antonio Ordo\u00f1ez \u00a0 Magistrado Ponente:\u00a0 \u00a0 Dr. ALFREDO BELTR\u00c1N SIERRA. \u00a0 Bogot\u00e1, D.C., enero dieciocho (18) de dos mil uno (2001). \u00a0 La Sala Segunda de Revisi\u00f3n de la Corte Constitucional, integrada por los magistrados, Alfredo Beltr\u00e1n Sierra, Carlos Gaviria D\u00edaz y Martha S\u00e1chica de ...<br \/><div class=\"pt-cv-rmwrap\"><a href=\"https:\/\/www.dmsjuridica.com\/buscador_20179478954\/corteconstitucionalcronologico202454587\/t-016-01\/\" class=\"_self pt-cv-readmore btn btn-success\" target=\"_self\">Ver Sentencia Completa...<\/a><\/div><\/div><\/div><\/div>\n<div class=\"col-md-12 col-sm-12 col-xs-12 pt-cv-content-item pt-cv-1-col\" ><div class='pt-cv-ifield'><a href=\"https:\/\/www.dmsjuridica.com\/buscador_20179478954\/corteconstitucionalcronologico202454587\/t-015-01\/\" class=\"_self pt-cv-href-thumbnail pt-cv-thumb-default\" target=\"_self\" ><\/a>\n<div class=\"pt-cv-taxoterm above_title\"><a href='https:\/\/www.dmsjuridica.com\/buscador_20179478954\/corteconstitucionalcronologico202454587\/category\/buscar-en-toda-la-corte\/2001\/tutelas-2001\/' title='Tutelas 2001' class='pt-cv-tax-tutelas-2001'>Tutelas 2001<\/a><\/div>\n<h4 class=\"pt-cv-title\"><a href=\"https:\/\/www.dmsjuridica.com\/buscador_20179478954\/corteconstitucionalcronologico202454587\/t-015-01\/\" class=\"_self\" target=\"_self\" >T-015-01<\/a><\/h4>\n<div class=\"pt-cv-content\">\u00a0 \u00a0 Sentencia T-015\/01 \u00a0 DERECHO A LA VIDA DIGNA DEL PENSIONADO-Pago oportuno de mesadas por compa\u00f1\u00eda de inversiones de Flota Mercante \u00a0 PERJUICIO IRREMEDIABLE-No pago oportuno de mesadas pensionales por situaci\u00f3n concordataria de empresa\/PROCESO DE LIQUIDACION OBLIGATORIA-Pago preferente de salarios y mesadas pensionales \u00a0 EMPLEADOR-Asunci\u00f3n de responsabilidad por mora en aportes en salud \u00a0 Referencia: expedientes T-391215, T-392742 y T-392822\u00a0 \u00a0 Peticionarios: H\u00e9ctor Julio Loaiza, Angel Mar\u00eda Esguerra Mu\u00f1oz y Eufemia Guerra vda. de Galv\u00e1n \u00a0 Dr. ALFREDO BELTR\u00c1N SIERRA. \u00a0 Bogot\u00e1, D.C., enero dieciocho (18) de dos mil uno (2001). \u00a0 La Sala Segunda de Revisi\u00f3n de la ...<br \/><div class=\"pt-cv-rmwrap\"><a href=\"https:\/\/www.dmsjuridica.com\/buscador_20179478954\/corteconstitucionalcronologico202454587\/t-015-01\/\" class=\"_self pt-cv-readmore btn btn-success\" target=\"_self\">Ver Sentencia Completa...<\/a><\/div><\/div><\/div><\/div>\n<div class=\"col-md-12 col-sm-12 col-xs-12 pt-cv-content-item pt-cv-1-col\" ><div class='pt-cv-ifield'><a href=\"https:\/\/www.dmsjuridica.com\/buscador_20179478954\/corteconstitucionalcronologico202454587\/t-004-01\/\" class=\"_self pt-cv-href-thumbnail pt-cv-thumb-default\" target=\"_self\" ><\/a>\n<div class=\"pt-cv-taxoterm above_title\"><a href='https:\/\/www.dmsjuridica.com\/buscador_20179478954\/corteconstitucionalcronologico202454587\/category\/buscar-en-toda-la-corte\/2001\/tutelas-2001\/' title='Tutelas 2001' class='pt-cv-tax-tutelas-2001'>Tutelas 2001<\/a><\/div>\n<h4 class=\"pt-cv-title\"><a href=\"https:\/\/www.dmsjuridica.com\/buscador_20179478954\/corteconstitucionalcronologico202454587\/t-004-01\/\" class=\"_self\" target=\"_self\" >T-004-01<\/a><\/h4>\n<div class=\"pt-cv-content\">\u00a0 \u00a0 Sentencia T-004\/01 \u00a0 REGIMEN CONTRIBUTIVO DE SEGURIDAD SOCIAL EN SALUD-Vinculaci\u00f3n \u00a0 EMPRESA EN LIQUIDACION-Mora en aportes a seguridad social en salud\/ENTIDAD PROMOTORA DE SALUD-No se practica cirug\u00eda por mora en aportes de empresa en liquidaci\u00f3n \u00a0 ACCION DE TUTELA-Protecci\u00f3n preventiva y no solo en casos de gravedad \u00a0 DERECHO A LA VIDA EN CONDICIONES DIGNAS Y JUSTAS-Dolor\/DERECHO A LA VIDA EN CONDICIONES DIGNAS Y JUSTAS-Pr\u00e1ctica de cirug\u00eda por EPS \u00a0 Resulta claro que la ausencia en la prestaci\u00f3n del servicio m\u00e9dico - asistencial, si bien como lo manifiesta el m\u00e9dico forense, no pone en peligro eminente la vida ...<br \/><div class=\"pt-cv-rmwrap\"><a href=\"https:\/\/www.dmsjuridica.com\/buscador_20179478954\/corteconstitucionalcronologico202454587\/t-004-01\/\" class=\"_self pt-cv-readmore btn btn-success\" target=\"_self\">Ver Sentencia Completa...<\/a><\/div><\/div><\/div><\/div>\n<div class=\"col-md-12 col-sm-12 col-xs-12 pt-cv-content-item pt-cv-1-col\" ><div class='pt-cv-ifield'><a href=\"https:\/\/www.dmsjuridica.com\/buscador_20179478954\/corteconstitucionalcronologico202454587\/t-003-01\/\" class=\"_self pt-cv-href-thumbnail pt-cv-thumb-default\" target=\"_self\" ><\/a>\n<div class=\"pt-cv-taxoterm above_title\"><a href='https:\/\/www.dmsjuridica.com\/buscador_20179478954\/corteconstitucionalcronologico202454587\/category\/buscar-en-toda-la-corte\/2001\/tutelas-2001\/' title='Tutelas 2001' class='pt-cv-tax-tutelas-2001'>Tutelas 2001<\/a><\/div>\n<h4 class=\"pt-cv-title\"><a href=\"https:\/\/www.dmsjuridica.com\/buscador_20179478954\/corteconstitucionalcronologico202454587\/t-003-01\/\" class=\"_self\" target=\"_self\" >T-003-01<\/a><\/h4>\n<div class=\"pt-cv-content\">\u00a0 \u00a0 Sentencia T-003\/01 \u00a0 ACCION DE TUTELA CONTRA PROVIDENCIAS JUDICIALES-Procedencia excepcional \u00a0 DOCTRINA CONSTITUCIONAL SOBRE VIA DE HECHO \u00a0 VIA DE HECHO-Clases de defectos en la actuaci\u00f3n \u00a0 DEBIDO PROCESO Y DERECHO DE DEFENSA-Notificaci\u00f3n de providencias judiciales \u00a0 Las decisiones judiciales son actos esencialmente comunicativos. Por esta raz\u00f3n el legislador ha dise\u00f1ado diferentes instrumentos a partir de los cuales pretende hacer efectivo el principio de la necesaria comparecencia de las personas a los entrados judiciales, para que sean \u00e9stas, en su condici\u00f3n de partes o de sujetos procesales, las que representen sus propios intereses, y brinden a su vez, ...<br \/><div class=\"pt-cv-rmwrap\"><a href=\"https:\/\/www.dmsjuridica.com\/buscador_20179478954\/corteconstitucionalcronologico202454587\/t-003-01\/\" class=\"_self pt-cv-readmore btn btn-success\" target=\"_self\">Ver Sentencia Completa...<\/a><\/div><\/div><\/div><\/div>\n<div class=\"col-md-12 col-sm-12 col-xs-12 pt-cv-content-item pt-cv-1-col\" ><div class='pt-cv-ifield'><a href=\"https:\/\/www.dmsjuridica.com\/buscador_20179478954\/corteconstitucionalcronologico202454587\/t-002-01\/\" class=\"_self pt-cv-href-thumbnail pt-cv-thumb-default\" target=\"_self\" ><\/a>\n<div class=\"pt-cv-taxoterm above_title\"><a href='https:\/\/www.dmsjuridica.com\/buscador_20179478954\/corteconstitucionalcronologico202454587\/category\/buscar-en-toda-la-corte\/2001\/tutelas-2001\/' title='Tutelas 2001' class='pt-cv-tax-tutelas-2001'>Tutelas 2001<\/a><\/div>\n<h4 class=\"pt-cv-title\"><a href=\"https:\/\/www.dmsjuridica.com\/buscador_20179478954\/corteconstitucionalcronologico202454587\/t-002-01\/\" class=\"_self\" target=\"_self\" >T-002-01<\/a><\/h4>\n<div class=\"pt-cv-content\">\u00a0 \u00a0 Sentencia T-002\/01 \u00a0 APODERADO JUDICIAL-Representaci\u00f3n de derechos ajenos\/ACCION DE TUTELA INTERPUESTA POR ABOGADO-Necesidad del poder \u00a0 FALTA DE LEGITIMACION POR ACTIVA EN TUTELA-Abogado sin poder para actuar \u00a0 Referencia: expediente T-358073 \u00a0 Acci\u00f3n de tutela instaurada por Javier Ospina Cocuy contra la Fiscal 80 de la Unidad III de Patrimonio Econ\u00f3mico de Cali. \u00a0 Magistrado Ponente: \u00a0 Dr. EDUARDO MONTEALEGRE LYNETT \u00a0 Bogot\u00e1, D.C. doce (12) de enero de dos mil uno (2001). \u00a0 La Sala Primera de Revisi\u00f3n de la Corte Constitucional, integrada por los Magistrados Eduardo Montealeagre Lynett, Alfredo Beltr\u00e1n Sierra y Martha Victoria S\u00e1chica M\u00e9ndez ...<br \/><div class=\"pt-cv-rmwrap\"><a href=\"https:\/\/www.dmsjuridica.com\/buscador_20179478954\/corteconstitucionalcronologico202454587\/t-002-01\/\" class=\"_self pt-cv-readmore btn btn-success\" target=\"_self\">Ver Sentencia Completa...<\/a><\/div><\/div><\/div><\/div>\n<div class=\"col-md-12 col-sm-12 col-xs-12 pt-cv-content-item pt-cv-1-col\" ><div class='pt-cv-ifield'><a href=\"https:\/\/www.dmsjuridica.com\/buscador_20179478954\/corteconstitucionalcronologico202454587\/t-001-01\/\" class=\"_self pt-cv-href-thumbnail pt-cv-thumb-default\" target=\"_self\" ><\/a>\n<div class=\"pt-cv-taxoterm above_title\"><a href='https:\/\/www.dmsjuridica.com\/buscador_20179478954\/corteconstitucionalcronologico202454587\/category\/buscar-en-toda-la-corte\/2001\/tutelas-2001\/' title='Tutelas 2001' class='pt-cv-tax-tutelas-2001'>Tutelas 2001<\/a><\/div>\n<h4 class=\"pt-cv-title\"><a href=\"https:\/\/www.dmsjuridica.com\/buscador_20179478954\/corteconstitucionalcronologico202454587\/t-001-01\/\" class=\"_self\" target=\"_self\" >T-001-01<\/a><\/h4>\n<div class=\"pt-cv-content\">\u00a0 \u00a0 Sentencia T-001\/01 \u00a0 ACCION DE TUTELA-Procedencia excepcional pago de acreencias laborales \u00a0 DERECHO AL MINIMO VITAL DEL PENSIONADO-Pago oportuno de mesadas \u00a0 DERECHO A LA VIDA DIGNA DEL PENSIONADO-Pago oportuno de mesadas por compa\u00f1\u00eda de inversiones de Flota Mercante \u00a0 Referencia: expedientes T-364804, T-367112 y T-366421 \u00a0 Acciones de tutela de \u00a0tutela incoadas por Josefina Guerrero de Castro, Porfirio Pati\u00f1o Pati\u00f1o y Helena de la Torre de Duran contra la Compa\u00f1\u00eda de Inversiones de la Flota Mercante y el Seguro Social Seccional Medell\u00edn S.A.\u00a0 \u00a0 Magistrado Ponente: \u00a0 Bogot\u00e1, D.C., doce (12) de enero de dos mil uno ...<br \/><div class=\"pt-cv-rmwrap\"><a href=\"https:\/\/www.dmsjuridica.com\/buscador_20179478954\/corteconstitucionalcronologico202454587\/t-001-01\/\" class=\"_self pt-cv-readmore btn btn-success\" target=\"_self\">Ver Sentencia Completa...<\/a><\/div><\/div><\/div><\/div><\/div><\/div><\/div>\n","protected":false},"excerpt":{"rendered":"","protected":false},"author":1,"featured_media":0,"parent":0,"menu_order":0,"comment_status":"closed","ping_status":"closed","template":"","meta":{"footnotes":""},"class_list":["post-29584","page","type-page","status-publish","hentry"],"_links":{"self":[{"href":"https:\/\/www.dmsjuridica.com\/buscador_20179478954\/corteconstitucionalcronologico202454587\/wp-json\/wp\/v2\/pages\/29584","targetHints":{"allow":["GET"]}}],"collection":[{"href":"https:\/\/www.dmsjuridica.com\/buscador_20179478954\/corteconstitucionalcronologico202454587\/wp-json\/wp\/v2\/pages"}],"about":[{"href":"https:\/\/www.dmsjuridica.com\/buscador_20179478954\/corteconstitucionalcronologico202454587\/wp-json\/wp\/v2\/types\/page"}],"author":[{"embeddable":true,"href":"https:\/\/www.dmsjuridica.com\/buscador_20179478954\/corteconstitucionalcronologico202454587\/wp-json\/wp\/v2\/users\/1"}],"replies":[{"embeddable":true,"href":"https:\/\/www.dmsjuridica.com\/buscador_20179478954\/corteconstitucionalcronologico202454587\/wp-json\/wp\/v2\/comments?post=29584"}],"version-history":[{"count":2,"href":"https:\/\/www.dmsjuridica.com\/buscador_20179478954\/corteconstitucionalcronologico202454587\/wp-json\/wp\/v2\/pages\/29584\/revisions"}],"predecessor-version":[{"id":31402,"href":"https:\/\/www.dmsjuridica.com\/buscador_20179478954\/corteconstitucionalcronologico202454587\/wp-json\/wp\/v2\/pages\/29584\/revisions\/31402"}],"wp:attachment":[{"href":"https:\/\/www.dmsjuridica.com\/buscador_20179478954\/corteconstitucionalcronologico202454587\/wp-json\/wp\/v2\/media?parent=29584"}],"curies":[{"name":"wp","href":"https:\/\/api.w.org\/{rel}","templated":true}]}}