{"id":29588,"date":"2024-07-12T11:35:07","date_gmt":"2024-07-12T16:35:07","guid":{"rendered":"https:\/\/www.dmsjuridica.com\/buscador_20179478954\/corteconstitucionalcronologico202454587\/?page_id=29588"},"modified":"2025-11-27T11:39:22","modified_gmt":"2025-11-27T16:39:22","slug":"tutelas-2003","status":"publish","type":"page","link":"https:\/\/www.dmsjuridica.com\/buscador_20179478954\/corteconstitucionalcronologico202454587\/tutelas-2003\/","title":{"rendered":"Tutelas 2003"},"content":{"rendered":"<div class=\"pt-cv-wrapper\"><div class=\"pt-cv-view pt-cv-grid pt-cv-colsys\" id=\"pt-cv-view-2d8bd599hy\"><div data-id=\"pt-cv-page-1\" class=\"pt-cv-page\" data-cvc=\"1\"><div class=\"col-md-12 col-sm-12 col-xs-12 pt-cv-content-item pt-cv-1-col\" ><div class='pt-cv-ifield'><a href=\"https:\/\/www.dmsjuridica.com\/buscador_20179478954\/corteconstitucionalcronologico202454587\/t-999-03\/\" class=\"_self pt-cv-href-thumbnail pt-cv-thumb-default\" target=\"_self\" ><\/a>\n<div class=\"pt-cv-taxoterm above_title\"><a href='https:\/\/www.dmsjuridica.com\/buscador_20179478954\/corteconstitucionalcronologico202454587\/category\/buscar-en-toda-la-corte\/2003\/tutelas-2003\/' title='Tutelas 2003' class='pt-cv-tax-tutelas-2003'>Tutelas 2003<\/a><\/div>\n<h4 class=\"pt-cv-title\"><a href=\"https:\/\/www.dmsjuridica.com\/buscador_20179478954\/corteconstitucionalcronologico202454587\/t-999-03\/\" class=\"_self\" target=\"_self\" >T-999-03<\/a><\/h4>\n<div class=\"pt-cv-content\">\u00a0 \u00a0 Sentencia T-999\/03 \u00a0 MUJER EMBARAZADA-Protecci\u00f3n constitucional especial \u00a0 LICENCIA DE MATERNIDAD-Procedencia excepcional de tutela para el pago\/LICENCIA DE MATERNIDAD-Pago por tutela cuando afecta el m\u00ednimo vital de la madre y su hijo \u00a0 LICENCIA DE MATERNIDAD-Objeto \u00a0 LICENCIA DE MATERNIDAD-T\u00e9rmino para reclamarla\u00a0 \u00a0 La Corte Constitucional viene sosteniendo en su jurisprudencia, que en aquellos casos en los cuales ha transcurrido el t\u00e9rmino de la licencia de maternidad sin que \u00e9sta le haya sido satisfecha a la madre, la v\u00eda para obtener su reconocimiento y pago no es la acci\u00f3n de tutela sino la ordinaria laboral, por cuanto no ...<br \/><div class=\"pt-cv-rmwrap\"><a href=\"https:\/\/www.dmsjuridica.com\/buscador_20179478954\/corteconstitucionalcronologico202454587\/t-999-03\/\" class=\"_self pt-cv-readmore btn btn-success\" target=\"_self\">Ver Sentencia Completa...<\/a><\/div><\/div><\/div><\/div>\n<div class=\"col-md-12 col-sm-12 col-xs-12 pt-cv-content-item pt-cv-1-col\" ><div class='pt-cv-ifield'><a href=\"https:\/\/www.dmsjuridica.com\/buscador_20179478954\/corteconstitucionalcronologico202454587\/t-998-03\/\" class=\"_self pt-cv-href-thumbnail pt-cv-thumb-default\" target=\"_self\" ><\/a>\n<div class=\"pt-cv-taxoterm above_title\"><a href='https:\/\/www.dmsjuridica.com\/buscador_20179478954\/corteconstitucionalcronologico202454587\/category\/buscar-en-toda-la-corte\/2003\/tutelas-2003\/' title='Tutelas 2003' class='pt-cv-tax-tutelas-2003'>Tutelas 2003<\/a><\/div>\n<h4 class=\"pt-cv-title\"><a href=\"https:\/\/www.dmsjuridica.com\/buscador_20179478954\/corteconstitucionalcronologico202454587\/t-998-03\/\" class=\"_self\" target=\"_self\" >T-998-03<\/a><\/h4>\n<div class=\"pt-cv-content\">\u00a0 \u00a0 Sentencia T-998\/03 \u00a0 INFORMES EN TUTELA-Presunci\u00f3n de veracidad sobre los hechos \u00a0 DERECHO DE PETICION-Alcance\/DERECHO DE PETICION-N\u00facleo esencial \u00a0 DERECHO DE PETICION EN MATERIA PENSIONAL-T\u00e9rminos para resolver \u00a0 DERECHO DE PETICION-Resoluci\u00f3n de fondo por el ISS sobre reconocimiento de pensi\u00f3n de Jubilaci\u00f3n\u00a0\u00a0 \u00a0 Reiteraci\u00f3n de Jurisprudencia \u00a0 Referencia: expediente T-763448 \u00a0 Acci\u00f3n de tutela instaurada por Bertulfo Yepes Ticora contra Instituto de Seguros Sociales Seccional Cundinamarca. \u00a0 \u00a0 Magistrado Ponente \u00a0 Dr. JAIME ARA\u00daJO RENTER\u00cdA \u00a0 Bogot\u00e1 D. C., veintisiete (27) de octubre de dos mil tres (2003). \u00a0 SENTENCIA: \u00a0 Dentro del proceso de la referencia esta ...<br \/><div class=\"pt-cv-rmwrap\"><a href=\"https:\/\/www.dmsjuridica.com\/buscador_20179478954\/corteconstitucionalcronologico202454587\/t-998-03\/\" class=\"_self pt-cv-readmore btn btn-success\" target=\"_self\">Ver Sentencia Completa...<\/a><\/div><\/div><\/div><\/div>\n<div class=\"col-md-12 col-sm-12 col-xs-12 pt-cv-content-item pt-cv-1-col\" ><div class='pt-cv-ifield'><a href=\"https:\/\/www.dmsjuridica.com\/buscador_20179478954\/corteconstitucionalcronologico202454587\/t-997-03\/\" class=\"_self pt-cv-href-thumbnail pt-cv-thumb-default\" target=\"_self\" ><\/a>\n<div class=\"pt-cv-taxoterm above_title\"><a href='https:\/\/www.dmsjuridica.com\/buscador_20179478954\/corteconstitucionalcronologico202454587\/category\/buscar-en-toda-la-corte\/2003\/tutelas-2003\/' title='Tutelas 2003' class='pt-cv-tax-tutelas-2003'>Tutelas 2003<\/a><\/div>\n<h4 class=\"pt-cv-title\"><a href=\"https:\/\/www.dmsjuridica.com\/buscador_20179478954\/corteconstitucionalcronologico202454587\/t-997-03\/\" class=\"_self\" target=\"_self\" >T-997-03<\/a><\/h4>\n<div class=\"pt-cv-content\">\u00a0 \u00a0 Sentencia T-997\/03 \u00a0 DERECHO DE FILIACION-Fundamental por conexidad\u00a0 \u00a0 La filiaci\u00f3n guarda relaci\u00f3n de conexidad con otros principios y derechos fundamentales como el reconocimiento de la dignidad humana o el libre desarrollo de la personalidad, por lo que puede hacerse exigible ante las autoridades judiciales a trav\u00e9s de los procesos que para tal efecto han sido dise\u00f1ados, siendo apenas leg\u00edtimo esperar de las autoridades la definici\u00f3n de cuestiones de \u00e9sta \u00edndole con apoyo en pruebas v\u00e1lidamente recopiladas y en un lapso de tiempo razonable.\u00a0 \u00a0 DERECHO DE FILIACION-Investigaci\u00f3n de la paternidad \u00a0 PROCESO DE FILIACION-Importancia de la prueba ...<br \/><div class=\"pt-cv-rmwrap\"><a href=\"https:\/\/www.dmsjuridica.com\/buscador_20179478954\/corteconstitucionalcronologico202454587\/t-997-03\/\" class=\"_self pt-cv-readmore btn btn-success\" target=\"_self\">Ver Sentencia Completa...<\/a><\/div><\/div><\/div><\/div>\n<div class=\"col-md-12 col-sm-12 col-xs-12 pt-cv-content-item pt-cv-1-col\" ><div class='pt-cv-ifield'><a href=\"https:\/\/www.dmsjuridica.com\/buscador_20179478954\/corteconstitucionalcronologico202454587\/t-996-03\/\" class=\"_self pt-cv-href-thumbnail pt-cv-thumb-default\" target=\"_self\" ><\/a>\n<div class=\"pt-cv-taxoterm above_title\"><a href='https:\/\/www.dmsjuridica.com\/buscador_20179478954\/corteconstitucionalcronologico202454587\/category\/buscar-en-toda-la-corte\/2003\/tutelas-2003\/' title='Tutelas 2003' class='pt-cv-tax-tutelas-2003'>Tutelas 2003<\/a><\/div>\n<h4 class=\"pt-cv-title\"><a href=\"https:\/\/www.dmsjuridica.com\/buscador_20179478954\/corteconstitucionalcronologico202454587\/t-996-03\/\" class=\"_self\" target=\"_self\" >T-996-03<\/a><\/h4>\n<div class=\"pt-cv-content\">\u00a0 \u00a0 Sentencia T-996\/03 \u00a0 ACCION DE TUTELA CONTRA PROVIDENCIAS JUDICIALES-Procedencia excepcional por v\u00eda de hecho judicial \u00a0 ACCION DE TUTELA CONTRA PROVIDENCIAS JUDICIALES-Requisitos \u00a0 Cuando el juez se desv\u00eda por completo del procedimiento fijado por la ley para dar tr\u00e1mite a determinadas cuestiones y act\u00faa de forma arbitraria y caprichosa, con fundamento en su sola voluntad, se configura el defecto procedimental. El defecto procedimental se erige en una violaci\u00f3n al debido proceso cuando el juez da un cauce que no corresponde al asunto sometido a su competencia, o cuando pretermite las etapas propias del juicio, como por ejemplo, omite ...<br \/><div class=\"pt-cv-rmwrap\"><a href=\"https:\/\/www.dmsjuridica.com\/buscador_20179478954\/corteconstitucionalcronologico202454587\/t-996-03\/\" class=\"_self pt-cv-readmore btn btn-success\" target=\"_self\">Ver Sentencia Completa...<\/a><\/div><\/div><\/div><\/div>\n<div class=\"col-md-12 col-sm-12 col-xs-12 pt-cv-content-item pt-cv-1-col\" ><div class='pt-cv-ifield'><a href=\"https:\/\/www.dmsjuridica.com\/buscador_20179478954\/corteconstitucionalcronologico202454587\/t-995-03\/\" class=\"_self pt-cv-href-thumbnail pt-cv-thumb-default\" target=\"_self\" ><\/a>\n<div class=\"pt-cv-taxoterm above_title\"><a href='https:\/\/www.dmsjuridica.com\/buscador_20179478954\/corteconstitucionalcronologico202454587\/category\/buscar-en-toda-la-corte\/2003\/tutelas-2003\/' title='Tutelas 2003' class='pt-cv-tax-tutelas-2003'>Tutelas 2003<\/a><\/div>\n<h4 class=\"pt-cv-title\"><a href=\"https:\/\/www.dmsjuridica.com\/buscador_20179478954\/corteconstitucionalcronologico202454587\/t-995-03\/\" class=\"_self\" target=\"_self\" >T-995-03<\/a><\/h4>\n<div class=\"pt-cv-content\">\u00a0 \u00a0 Sentencia T-995\/03 \u00a0 DERECHO A LA SALUD-Fundamental por conexidad con la vida \u00a0 DERECHO A LA VIDA DIGNA-Recuperaci\u00f3n y mejoramiento de las condiciones de salud \u00a0 PROHIBICION DE PERTENECER AL SISTEMA DE SEGURIDAD SOCIAL Y AL REGIMEN DE EXCEPCION \u00a0 DERECHO A LA SALUD-Conflicto entre las entidades prestadoras de Salud no pueden afectar a usuarios\/DERECHO A LA VIDA-Conflicto entre las entidades prestadoras de salud no pueden afectar a usuarios \u00a0 Los derechos a la salud y a la vida pueden verse comprometidos cuando surgen conflictos al interior de las entidades responsables de la prestaci\u00f3n del servicio y aquellas ...<br \/><div class=\"pt-cv-rmwrap\"><a href=\"https:\/\/www.dmsjuridica.com\/buscador_20179478954\/corteconstitucionalcronologico202454587\/t-995-03\/\" class=\"_self pt-cv-readmore btn btn-success\" target=\"_self\">Ver Sentencia Completa...<\/a><\/div><\/div><\/div><\/div>\n<div class=\"col-md-12 col-sm-12 col-xs-12 pt-cv-content-item pt-cv-1-col\" ><div class='pt-cv-ifield'><a href=\"https:\/\/www.dmsjuridica.com\/buscador_20179478954\/corteconstitucionalcronologico202454587\/t-994-03\/\" class=\"_self pt-cv-href-thumbnail pt-cv-thumb-default\" target=\"_self\" ><\/a>\n<div class=\"pt-cv-taxoterm above_title\"><a href='https:\/\/www.dmsjuridica.com\/buscador_20179478954\/corteconstitucionalcronologico202454587\/category\/buscar-en-toda-la-corte\/2003\/tutelas-2003\/' title='Tutelas 2003' class='pt-cv-tax-tutelas-2003'>Tutelas 2003<\/a><\/div>\n<h4 class=\"pt-cv-title\"><a href=\"https:\/\/www.dmsjuridica.com\/buscador_20179478954\/corteconstitucionalcronologico202454587\/t-994-03\/\" class=\"_self\" target=\"_self\" >T-994-03<\/a><\/h4>\n<div class=\"pt-cv-content\">REGIMEN CONTRIBUTIVO DE SEGURIDAD SOCIAL EN SALUD-Compa\u00f1era permanente del afiliado tiene derecho a ser su beneficiaria \u00a0 El accionante presenta una declaraci\u00f3n extrajuicio en la cual se hace constar que convive con su compa\u00f1era desde hace cuatro a\u00f1os y ocho meses, hecho que el ISS no controvierte. Adem\u00e1s, de acuerdo con el registro del ISS, el hijo mayor del accionante y de su compa\u00f1era, \u00a0naci\u00f3 el dos de julio de 1998, lo cual corrobora los hechos consignados en la declaraci\u00f3n extrajuicio referida. En este orden de ideas, la Sala encuentra que la se\u00f1ora, en su condici\u00f3n de compa\u00f1era permanente del ...<br \/><div class=\"pt-cv-rmwrap\"><a href=\"https:\/\/www.dmsjuridica.com\/buscador_20179478954\/corteconstitucionalcronologico202454587\/t-994-03\/\" class=\"_self pt-cv-readmore btn btn-success\" target=\"_self\">Ver Sentencia Completa...<\/a><\/div><\/div><\/div><\/div>\n<div class=\"col-md-12 col-sm-12 col-xs-12 pt-cv-content-item pt-cv-1-col\" ><div class='pt-cv-ifield'><a href=\"https:\/\/www.dmsjuridica.com\/buscador_20179478954\/corteconstitucionalcronologico202454587\/t-993-03\/\" class=\"_self pt-cv-href-thumbnail pt-cv-thumb-default\" target=\"_self\" ><\/a>\n<div class=\"pt-cv-taxoterm above_title\"><a href='https:\/\/www.dmsjuridica.com\/buscador_20179478954\/corteconstitucionalcronologico202454587\/category\/buscar-en-toda-la-corte\/2003\/tutelas-2003\/' title='Tutelas 2003' class='pt-cv-tax-tutelas-2003'>Tutelas 2003<\/a><\/div>\n<h4 class=\"pt-cv-title\"><a href=\"https:\/\/www.dmsjuridica.com\/buscador_20179478954\/corteconstitucionalcronologico202454587\/t-993-03\/\" class=\"_self\" target=\"_self\" >T-993-03<\/a><\/h4>\n<div class=\"pt-cv-content\">\u00a0 \u00a0 Sentencia T-993\/03 \u00a0 ACCION DE TUTELA-Hecho superado por pago de pensi\u00f3n de sobrevivientes a interdicto por demencia \u00a0 PENSION DE SOBREVIVIENTES-Negligencia de la madre en iniciar proceso de interdicci\u00f3n de su hijo \u00a0 DERECHO DE PETICION-Demora en responder solicitud pensi\u00f3n de sobrevivientes de hijo interdicto por demencia \u00a0 Reiteraci\u00f3n de Jurisprudencia \u00a0 Referencia: expediente T-759182 \u00a0 Acci\u00f3n de tutela instaurada por Marlene Beatriz Coquies de la Torre, como curadora de su hijo Luis Hernando Latorre Coquies contra el Ministerio de Protecci\u00f3n Social \u2013 Grupo Interno para la Gesti\u00f3n del Pasivo Social de Puertos de Colombia \u00a0 Magistrado Ponente: ...<br \/><div class=\"pt-cv-rmwrap\"><a href=\"https:\/\/www.dmsjuridica.com\/buscador_20179478954\/corteconstitucionalcronologico202454587\/t-993-03\/\" class=\"_self pt-cv-readmore btn btn-success\" target=\"_self\">Ver Sentencia Completa...<\/a><\/div><\/div><\/div><\/div>\n<div class=\"col-md-12 col-sm-12 col-xs-12 pt-cv-content-item pt-cv-1-col\" ><div class='pt-cv-ifield'><a href=\"https:\/\/www.dmsjuridica.com\/buscador_20179478954\/corteconstitucionalcronologico202454587\/t-992-03\/\" class=\"_self pt-cv-href-thumbnail pt-cv-thumb-default\" target=\"_self\" ><\/a>\n<div class=\"pt-cv-taxoterm above_title\"><a href='https:\/\/www.dmsjuridica.com\/buscador_20179478954\/corteconstitucionalcronologico202454587\/category\/buscar-en-toda-la-corte\/2003\/tutelas-2003\/' title='Tutelas 2003' class='pt-cv-tax-tutelas-2003'>Tutelas 2003<\/a><\/div>\n<h4 class=\"pt-cv-title\"><a href=\"https:\/\/www.dmsjuridica.com\/buscador_20179478954\/corteconstitucionalcronologico202454587\/t-992-03\/\" class=\"_self\" target=\"_self\" >T-992-03<\/a><\/h4>\n<div class=\"pt-cv-content\">\u00a0 \u00a0 Sentencia T-992\/03 \u00a0 INAPLICACION DE NORMAS DEL PLAN OBLIGATORIO DE SALUD-Condiciones en que procede por exclusi\u00f3n de tratamientos y medicamentos de alto costo \u00a0 \u00a0 \u00a0 La solicitud del accionante de que se ordene a la E.P.S. Salud Colmena cubrirle el tratamiento m\u00e9dico que requiere, sin que le exija el pago correspondiente a las semanas no cotizadas, carece de fundamento constitucional. La Constituci\u00f3n no protege, por lo tanto, a personas que no ha cumplido los requisitos exigidos por la ley colombiana y que, a pesar de encontrarse cubiertas por el sistema de seguridad social en salud de un ...<br \/><div class=\"pt-cv-rmwrap\"><a href=\"https:\/\/www.dmsjuridica.com\/buscador_20179478954\/corteconstitucionalcronologico202454587\/t-992-03\/\" class=\"_self pt-cv-readmore btn btn-success\" target=\"_self\">Ver Sentencia Completa...<\/a><\/div><\/div><\/div><\/div>\n<div class=\"col-md-12 col-sm-12 col-xs-12 pt-cv-content-item pt-cv-1-col\" ><div class='pt-cv-ifield'><a href=\"https:\/\/www.dmsjuridica.com\/buscador_20179478954\/corteconstitucionalcronologico202454587\/t-991-03\/\" class=\"_self pt-cv-href-thumbnail pt-cv-thumb-default\" target=\"_self\" ><\/a>\n<div class=\"pt-cv-taxoterm above_title\"><a href='https:\/\/www.dmsjuridica.com\/buscador_20179478954\/corteconstitucionalcronologico202454587\/category\/buscar-en-toda-la-corte\/2003\/tutelas-2003\/' title='Tutelas 2003' class='pt-cv-tax-tutelas-2003'>Tutelas 2003<\/a><\/div>\n<h4 class=\"pt-cv-title\"><a href=\"https:\/\/www.dmsjuridica.com\/buscador_20179478954\/corteconstitucionalcronologico202454587\/t-991-03\/\" class=\"_self\" target=\"_self\" >T-991-03<\/a><\/h4>\n<div class=\"pt-cv-content\">\u00a0 \u00a0 Sentencia T-991\/03 \u00a0 DERECHO DE PETICION-Alcance\/DERECHO DE PETICION-N\u00facleo esencial \u00a0 DERECHO DE PETICION EN MATERIA PENSIONAL-T\u00e9rminos para resolver \u00a0 DERECHO DE PETICION ANTE ENTIDAD NACIONAL-Obligaci\u00f3n de responder las solicitudes\/CAJA NACIONAL DE PREVISION SOCIAL-Resoluci\u00f3n oportuna y eficaz de peticiones por parte de sus seccionales \u00a0 Las entidades de car\u00e1cter nacional que por ende ejercen autoridad en todo el territorio nacional y que tienen sedes en todo el territorio nacional, no pueden negar con base en su car\u00e1cter descentralizado o desconcentrado por funciones, a responder las solicitudes de los ciudadanos argumentando falta de competencia, dado que su car\u00e1cter nacional implica ...<br \/><div class=\"pt-cv-rmwrap\"><a href=\"https:\/\/www.dmsjuridica.com\/buscador_20179478954\/corteconstitucionalcronologico202454587\/t-991-03\/\" class=\"_self pt-cv-readmore btn btn-success\" target=\"_self\">Ver Sentencia Completa...<\/a><\/div><\/div><\/div><\/div>\n<div class=\"col-md-12 col-sm-12 col-xs-12 pt-cv-content-item pt-cv-1-col\" ><div class='pt-cv-ifield'><a href=\"https:\/\/www.dmsjuridica.com\/buscador_20179478954\/corteconstitucionalcronologico202454587\/t-990-03\/\" class=\"_self pt-cv-href-thumbnail pt-cv-thumb-default\" target=\"_self\" ><\/a>\n<div class=\"pt-cv-taxoterm above_title\"><a href='https:\/\/www.dmsjuridica.com\/buscador_20179478954\/corteconstitucionalcronologico202454587\/category\/buscar-en-toda-la-corte\/2003\/tutelas-2003\/' title='Tutelas 2003' class='pt-cv-tax-tutelas-2003'>Tutelas 2003<\/a><\/div>\n<h4 class=\"pt-cv-title\"><a href=\"https:\/\/www.dmsjuridica.com\/buscador_20179478954\/corteconstitucionalcronologico202454587\/t-990-03\/\" class=\"_self\" target=\"_self\" >T-990-03<\/a><\/h4>\n<div class=\"pt-cv-content\">HABEAS DATA-Actualizaci\u00f3n y rectificaci\u00f3n\u00a0 \u00a0 DERECHO A LA INFORMACION-Autorizaci\u00f3n previa del titular no comprende su facultad de autodeterminaci\u00f3n inform\u00e1tica \u00a0 ENTIDAD BANCARIA-Posici\u00f3n dominante\u00a0 \u00a0 ENTIDAD FINANCIERA-Validez de certificaci\u00f3n sobre deuda cancelada\u00a0 \u00a0 ENTIDAD FINANCIERA-No puede trasladar a usuarios los efectos de sus errores\u00a0 \u00a0 Los bancos no pueden trasladar al usuario los efectos de sus errores. El error cometido por Bancaf\u00e9 no puede perjudicar al asuario quien hab\u00eda adquirido una confianza leg\u00edtima derivada de la informaci\u00f3n entregada por la entidad bancaria. No puede entonces dicha instituci\u00f3n, ni quien la subrog\u00f3 en el cr\u00e9dito, unilateralmente revivir una deuda. \u00a0 ENTIDAD FINANCIERA-Comunicaci\u00f3n ...<br \/><div class=\"pt-cv-rmwrap\"><a href=\"https:\/\/www.dmsjuridica.com\/buscador_20179478954\/corteconstitucionalcronologico202454587\/t-990-03\/\" class=\"_self pt-cv-readmore btn btn-success\" target=\"_self\">Ver Sentencia Completa...<\/a><\/div><\/div><\/div><\/div>\n<div class=\"col-md-12 col-sm-12 col-xs-12 pt-cv-content-item pt-cv-1-col\" ><div class='pt-cv-ifield'><a href=\"https:\/\/www.dmsjuridica.com\/buscador_20179478954\/corteconstitucionalcronologico202454587\/t-989-03\/\" class=\"_self pt-cv-href-thumbnail pt-cv-thumb-default\" target=\"_self\" ><\/a>\n<div class=\"pt-cv-taxoterm above_title\"><a href='https:\/\/www.dmsjuridica.com\/buscador_20179478954\/corteconstitucionalcronologico202454587\/category\/buscar-en-toda-la-corte\/2003\/tutelas-2003\/' title='Tutelas 2003' class='pt-cv-tax-tutelas-2003'>Tutelas 2003<\/a><\/div>\n<h4 class=\"pt-cv-title\"><a href=\"https:\/\/www.dmsjuridica.com\/buscador_20179478954\/corteconstitucionalcronologico202454587\/t-989-03\/\" class=\"_self\" target=\"_self\" >T-989-03<\/a><\/h4>\n<div class=\"pt-cv-content\">\u00a0 \u00a0 Sentencia T-989\/03 \u00a0 BONOS PENSIONALES-Demora en emisi\u00f3n afecta derechos fundamentales\/VIA DE HECHO-Se niega pensi\u00f3n por demora en emisi\u00f3n del bono\u00a0 \u00a0 BONOS PENSIONALES TIPO A-Definici\u00f3n \u00a0 Los denominados \u00a0bonos tipo A son aquellos \u00a0que se expiden a los afiliados que se trasladan \u00a0a los Fondos Privados de Pensiones (R\u00e9gimen de ahorro individual con solidaridad). El reconocimiento de la cuota parte en el bono tipo A \u00a0se har\u00e1 ante la Oficina de Bonos Pensionales del Ministerio de Hacienda y Cr\u00e9dito P\u00fablico y ante la administradora de pensiones, previa una Resoluci\u00f3n. \u00a0 BONOS PENSIONALES TIPO A-Modalidades \u00a0 ACCION DE TUTELA-Procedencia ...<br \/><div class=\"pt-cv-rmwrap\"><a href=\"https:\/\/www.dmsjuridica.com\/buscador_20179478954\/corteconstitucionalcronologico202454587\/t-989-03\/\" class=\"_self pt-cv-readmore btn btn-success\" target=\"_self\">Ver Sentencia Completa...<\/a><\/div><\/div><\/div><\/div>\n<div class=\"col-md-12 col-sm-12 col-xs-12 pt-cv-content-item pt-cv-1-col\" ><div class='pt-cv-ifield'><a href=\"https:\/\/www.dmsjuridica.com\/buscador_20179478954\/corteconstitucionalcronologico202454587\/t-988-03\/\" class=\"_self pt-cv-href-thumbnail pt-cv-thumb-default\" target=\"_self\" ><\/a>\n<div class=\"pt-cv-taxoterm above_title\"><a href='https:\/\/www.dmsjuridica.com\/buscador_20179478954\/corteconstitucionalcronologico202454587\/category\/buscar-en-toda-la-corte\/2003\/tutelas-2003\/' title='Tutelas 2003' class='pt-cv-tax-tutelas-2003'>Tutelas 2003<\/a><\/div>\n<h4 class=\"pt-cv-title\"><a href=\"https:\/\/www.dmsjuridica.com\/buscador_20179478954\/corteconstitucionalcronologico202454587\/t-988-03\/\" class=\"_self\" target=\"_self\" >T-988-03<\/a><\/h4>\n<div class=\"pt-cv-content\">\u00a0 \u00a0 Sentencia T-988\/03 \u00a0 DERECHO A LA VIDA DIGNA DEL MENOR CON SINDROME DE DOWN-Protecci\u00f3n \u00a0 ENTIDAD PROMOTORA DE SALUD-Suministro de terapias especiales a menor con s\u00edndrome de Down \u00a0 \u00a0 \u00a0 Referencia: expediente T-771386 \u00a0 Actor: Alexander Arce Garc\u00eda \u00a0 Procedencia: Juzgado Diecinueve del Circuito de Cali \u00a0 Magistrado Ponente: \u00a0 Dr. MARCO GERARDO MONROY CABRA \u00a0 Bogot\u00e1 D. C., veintitr\u00e9s (23) de octubre de dos mil tres (2003) \u00a0 La Sala Sexta de la Corte Constitucional, integrada por los Magistrados doctores, Eduardo Montealegre Lynett, Alvaro Tafur Galvis y Marco Gerardo Monroy Cabra, quien la preside, en ejercicio ...<br \/><div class=\"pt-cv-rmwrap\"><a href=\"https:\/\/www.dmsjuridica.com\/buscador_20179478954\/corteconstitucionalcronologico202454587\/t-988-03\/\" class=\"_self pt-cv-readmore btn btn-success\" target=\"_self\">Ver Sentencia Completa...<\/a><\/div><\/div><\/div><\/div>\n<div class=\"col-md-12 col-sm-12 col-xs-12 pt-cv-content-item pt-cv-1-col\" ><div class='pt-cv-ifield'><a href=\"https:\/\/www.dmsjuridica.com\/buscador_20179478954\/corteconstitucionalcronologico202454587\/t-987-03\/\" class=\"_self pt-cv-href-thumbnail pt-cv-thumb-default\" target=\"_self\" ><\/a>\n<div class=\"pt-cv-taxoterm above_title\"><a href='https:\/\/www.dmsjuridica.com\/buscador_20179478954\/corteconstitucionalcronologico202454587\/category\/buscar-en-toda-la-corte\/2003\/tutelas-2003\/' title='Tutelas 2003' class='pt-cv-tax-tutelas-2003'>Tutelas 2003<\/a><\/div>\n<h4 class=\"pt-cv-title\"><a href=\"https:\/\/www.dmsjuridica.com\/buscador_20179478954\/corteconstitucionalcronologico202454587\/t-987-03\/\" class=\"_self\" target=\"_self\" >T-987-03<\/a><\/h4>\n<div class=\"pt-cv-content\">\u00a0 \u00a0 Sentencia T-987\/03 \u00a0 ENTIDAD BANCARIA-Posici\u00f3n dominante \u00a0 ENTIDAD BANCARIA-No debe abusar de su posici\u00f3n dominante \u00a0 ACTO PROPIO-Respeto por entidad financiera\/ACTO PROPIO-Condiciones para su aplicaci\u00f3n \u00a0 ENTIDAD FINANCIERA-Modificaci\u00f3n unilateral respecto de alivio financiero desconoce la buena fe y el debido proceso \u00a0 ENTIDAD FINANCIERA-Error en reliquidaci\u00f3n hipotecaria no es excusa para modificar unilateralmente la cuant\u00eda de la obligaci\u00f3n hipotecaria\u00a0 \u00a0 Si la entidad financiera demandada incurre en un yerro al momento de reliquidar \u00a0la obligaci\u00f3n hipotecaria, luego de entregar al deudor tutelante una informaci\u00f3n que no corresponde a la realidad, y crea una situaci\u00f3n jur\u00eddica concreta, est\u00e1 en ...<br \/><div class=\"pt-cv-rmwrap\"><a href=\"https:\/\/www.dmsjuridica.com\/buscador_20179478954\/corteconstitucionalcronologico202454587\/t-987-03\/\" class=\"_self pt-cv-readmore btn btn-success\" target=\"_self\">Ver Sentencia Completa...<\/a><\/div><\/div><\/div><\/div>\n<div class=\"col-md-12 col-sm-12 col-xs-12 pt-cv-content-item pt-cv-1-col\" ><div class='pt-cv-ifield'><a href=\"https:\/\/www.dmsjuridica.com\/buscador_20179478954\/corteconstitucionalcronologico202454587\/t-986-03\/\" class=\"_self pt-cv-href-thumbnail pt-cv-thumb-default\" target=\"_self\" ><\/a>\n<div class=\"pt-cv-taxoterm above_title\"><a href='https:\/\/www.dmsjuridica.com\/buscador_20179478954\/corteconstitucionalcronologico202454587\/category\/buscar-en-toda-la-corte\/2003\/tutelas-2003\/' title='Tutelas 2003' class='pt-cv-tax-tutelas-2003'>Tutelas 2003<\/a><\/div>\n<h4 class=\"pt-cv-title\"><a href=\"https:\/\/www.dmsjuridica.com\/buscador_20179478954\/corteconstitucionalcronologico202454587\/t-986-03\/\" class=\"_self\" target=\"_self\" >T-986-03<\/a><\/h4>\n<div class=\"pt-cv-content\">\u00a0 \u00a0 Sentencia T-986\/03 \u00a0 DERECHOS DE LA MUJER EMBARAZADA-Protecci\u00f3n constitucional especial \u00a0 LICENCIA DE MATERNIDAD-Objeto \u00a0 LICENCIA DE MATERNIDAD-Fundamental por conexidad \u00a0 LICENCIA DE MATERNIDAD-Pago por tutela cuando afecta el m\u00ednimo vital de la madre y su hijo \u00a0 LICENCIA DE MATERNIDAD-Pago por allanamiento a la mora por EPS. \u00a0 ACCION DE TUTELA-Improcedencia por instaurarla cuando la licencia de maternidad ya hab\u00eda expirado\/JURISDICCION LABORAL-Pago de licencia de maternidad \u00a0 \u00a0 NOTA DE RELATORIA: Esta posici\u00f3n jurisprudencial se cambi\u00f3 en sentencia T-999\/03 \u00a0 Referencia: expediente T-760150 \u00a0 Acci\u00f3n de tutela de Gloria Esperanza Becerra contra Coomeva EPS. \u00a0 Magistrado Ponente: ...<br \/><div class=\"pt-cv-rmwrap\"><a href=\"https:\/\/www.dmsjuridica.com\/buscador_20179478954\/corteconstitucionalcronologico202454587\/t-986-03\/\" class=\"_self pt-cv-readmore btn btn-success\" target=\"_self\">Ver Sentencia Completa...<\/a><\/div><\/div><\/div><\/div>\n<div class=\"col-md-12 col-sm-12 col-xs-12 pt-cv-content-item pt-cv-1-col\" ><div class='pt-cv-ifield'><a href=\"https:\/\/www.dmsjuridica.com\/buscador_20179478954\/corteconstitucionalcronologico202454587\/t-985-03\/\" class=\"_self pt-cv-href-thumbnail pt-cv-thumb-default\" target=\"_self\" ><\/a>\n<div class=\"pt-cv-taxoterm above_title\"><a href='https:\/\/www.dmsjuridica.com\/buscador_20179478954\/corteconstitucionalcronologico202454587\/category\/buscar-en-toda-la-corte\/2003\/tutelas-2003\/' title='Tutelas 2003' class='pt-cv-tax-tutelas-2003'>Tutelas 2003<\/a><\/div>\n<h4 class=\"pt-cv-title\"><a href=\"https:\/\/www.dmsjuridica.com\/buscador_20179478954\/corteconstitucionalcronologico202454587\/t-985-03\/\" class=\"_self\" target=\"_self\" >T-985-03<\/a><\/h4>\n<div class=\"pt-cv-content\">\u00a0 \u00a0 Sentencia T-985\/03 \u00a0 ACCION DE TUTELA-Procedencia respecto a desplazados\u00a0 \u00a0 DESPLAZADOS INTERNOS-Solidaridad internacional \u00a0 DERECHOS FUNDAMENTALES DE LOS DESPLAZADOS-No se exige el requisito de certificaci\u00f3n de su condici\u00f3n de desplazado \u00a0 No se puede tener como requisito sine qua nom para el ejercicio de derechos fundamentales de los desplazados la certificaci\u00f3n de la \u201ccondici\u00f3n de desplazado\u201d del Ministerio del Interior. De manera que la condici\u00f3n de desplazado no se adquiere por la certificaci\u00f3n que haga la entidad, pues esa es una situaci\u00f3n de hecho. Si bien es cierto la Ley exige el requisito de la inscripci\u00f3n, ello debe ...<br \/><div class=\"pt-cv-rmwrap\"><a href=\"https:\/\/www.dmsjuridica.com\/buscador_20179478954\/corteconstitucionalcronologico202454587\/t-985-03\/\" class=\"_self pt-cv-readmore btn btn-success\" target=\"_self\">Ver Sentencia Completa...<\/a><\/div><\/div><\/div><\/div>\n<div class=\"col-md-12 col-sm-12 col-xs-12 pt-cv-content-item pt-cv-1-col\" ><div class='pt-cv-ifield'><a href=\"https:\/\/www.dmsjuridica.com\/buscador_20179478954\/corteconstitucionalcronologico202454587\/t-984-03\/\" class=\"_self pt-cv-href-thumbnail pt-cv-thumb-default\" target=\"_self\" ><\/a>\n<div class=\"pt-cv-taxoterm above_title\"><a href='https:\/\/www.dmsjuridica.com\/buscador_20179478954\/corteconstitucionalcronologico202454587\/category\/buscar-en-toda-la-corte\/2003\/tutelas-2003\/' title='Tutelas 2003' class='pt-cv-tax-tutelas-2003'>Tutelas 2003<\/a><\/div>\n<h4 class=\"pt-cv-title\"><a href=\"https:\/\/www.dmsjuridica.com\/buscador_20179478954\/corteconstitucionalcronologico202454587\/t-984-03\/\" class=\"_self\" target=\"_self\" >T-984-03<\/a><\/h4>\n<div class=\"pt-cv-content\">\u00a0 \u00a0 Sentencia T-984\/03 \u00a0 \u00a0 \u00a0 ACCION DE TUTELA TEMERARIA-Juicio valorativo del funcionario en cada caso concreto\u00a0 \u00a0 La declaratoria de temeridad est\u00e1 precedida de un juicio de valor que deber\u00e1 realizar el funcionario judicial, en el que, adem\u00e1s de identificar la identidad de hechos y pretensiones, tendr\u00e1 que determinar si el ejercicio de la facultad de acci\u00f3n constituye una actuaci\u00f3n fraudulenta, que toma la forma de abuso en el ejercicio del amparo constitucional. \u00a0 SERVICIO DE SALUD-Obligaciones de las entidades territoriales\u00a0 \u00a0 ENTIDADES TERRITORIALES-Deben informar a usuarios del r\u00e9gimen subsidiado sobre servicios de salud no inclu\u00eddos en el ...<br \/><div class=\"pt-cv-rmwrap\"><a href=\"https:\/\/www.dmsjuridica.com\/buscador_20179478954\/corteconstitucionalcronologico202454587\/t-984-03\/\" class=\"_self pt-cv-readmore btn btn-success\" target=\"_self\">Ver Sentencia Completa...<\/a><\/div><\/div><\/div><\/div>\n<div class=\"col-md-12 col-sm-12 col-xs-12 pt-cv-content-item pt-cv-1-col\" ><div class='pt-cv-ifield'><a href=\"https:\/\/www.dmsjuridica.com\/buscador_20179478954\/corteconstitucionalcronologico202454587\/t-983-03\/\" class=\"_self pt-cv-href-thumbnail pt-cv-thumb-default\" target=\"_self\" ><\/a>\n<div class=\"pt-cv-taxoterm above_title\"><a href='https:\/\/www.dmsjuridica.com\/buscador_20179478954\/corteconstitucionalcronologico202454587\/category\/buscar-en-toda-la-corte\/2003\/tutelas-2003\/' title='Tutelas 2003' class='pt-cv-tax-tutelas-2003'>Tutelas 2003<\/a><\/div>\n<h4 class=\"pt-cv-title\"><a href=\"https:\/\/www.dmsjuridica.com\/buscador_20179478954\/corteconstitucionalcronologico202454587\/t-983-03\/\" class=\"_self\" target=\"_self\" >T-983-03<\/a><\/h4>\n<div class=\"pt-cv-content\">\u00a0 \u00a0 Sentencia T-983\/03 \u00a0 EDUCACION-Derecho deber \u00a0 DERECHO A LA EDUCACION-Prohibici\u00f3n retenci\u00f3n de notas o certificados por no pago de pensi\u00f3n \u00a0 JURISPRUDENCIA CONSTITUCIONAL-Aprovechamiento grave y escandaloso por los padres con la cultura del no pago de pensi\u00f3n de estudios \u00a0 DERECHO A LA EDUCACION-Falta de pago en pensiones por enfermedad del padre en incapacidad econ\u00f3mica \u00a0 De la informaci\u00f3n recogida en el expediente se infiere que la falta de pago de las cuotas pactadas con el colegio accionado obedeci\u00f3 a un motivo de enfermedad grave del padre de la menor y a su incapacidad para trabajar por alg\u00fan ...<br \/><div class=\"pt-cv-rmwrap\"><a href=\"https:\/\/www.dmsjuridica.com\/buscador_20179478954\/corteconstitucionalcronologico202454587\/t-983-03\/\" class=\"_self pt-cv-readmore btn btn-success\" target=\"_self\">Ver Sentencia Completa...<\/a><\/div><\/div><\/div><\/div>\n<div class=\"col-md-12 col-sm-12 col-xs-12 pt-cv-content-item pt-cv-1-col\" ><div class='pt-cv-ifield'><a href=\"https:\/\/www.dmsjuridica.com\/buscador_20179478954\/corteconstitucionalcronologico202454587\/t-982-03\/\" class=\"_self pt-cv-href-thumbnail pt-cv-thumb-default\" target=\"_self\" ><\/a>\n<div class=\"pt-cv-taxoterm above_title\"><a href='https:\/\/www.dmsjuridica.com\/buscador_20179478954\/corteconstitucionalcronologico202454587\/category\/buscar-en-toda-la-corte\/2003\/tutelas-2003\/' title='Tutelas 2003' class='pt-cv-tax-tutelas-2003'>Tutelas 2003<\/a><\/div>\n<h4 class=\"pt-cv-title\"><a href=\"https:\/\/www.dmsjuridica.com\/buscador_20179478954\/corteconstitucionalcronologico202454587\/t-982-03\/\" class=\"_self\" target=\"_self\" >T-982-03<\/a><\/h4>\n<div class=\"pt-cv-content\">\u00a0 \u00a0 Sentencia T-982\/03 \u00a0 ACCION DE TUTELA-Procedencia\/ACCION DE TUTELA-Subsidiariedad \u00a0 DERECHO A LA SALUD-Fundamental por conexidad con la vida \u00a0 DERECHO A LA VIDA-Examen de diagn\u00f3stico detecta la enfermedad y ayuda a determinar el tratamiento\u00a0 \u00a0 DERECHO A LA SALUD-Incorpora el derecho al diagn\u00f3stico \u00a0 DERECHO A LA SALUD DEL NI\u00d1O-Est\u00e1 debidamente atendido por las entidades de salud \u00a0 ACCION DE TUTELA-Solicitud para consecuci\u00f3n de ex\u00e1menes y tratamiento de su hijo con VIH \u00a0 ACCION DE TUTELA-No se puede exigir su presentaci\u00f3n para acceder a los servicios de salud\u00a0 \u00a0 Ninguna autoridad del Estado est\u00e1 facultada por el ordenamiento ...<br \/><div class=\"pt-cv-rmwrap\"><a href=\"https:\/\/www.dmsjuridica.com\/buscador_20179478954\/corteconstitucionalcronologico202454587\/t-982-03\/\" class=\"_self pt-cv-readmore btn btn-success\" target=\"_self\">Ver Sentencia Completa...<\/a><\/div><\/div><\/div><\/div>\n<div class=\"col-md-12 col-sm-12 col-xs-12 pt-cv-content-item pt-cv-1-col\" ><div class='pt-cv-ifield'><a href=\"https:\/\/www.dmsjuridica.com\/buscador_20179478954\/corteconstitucionalcronologico202454587\/t-981-03\/\" class=\"_self pt-cv-href-thumbnail pt-cv-thumb-default\" target=\"_self\" ><\/a>\n<div class=\"pt-cv-taxoterm above_title\"><a href='https:\/\/www.dmsjuridica.com\/buscador_20179478954\/corteconstitucionalcronologico202454587\/category\/buscar-en-toda-la-corte\/2003\/tutelas-2003\/' title='Tutelas 2003' class='pt-cv-tax-tutelas-2003'>Tutelas 2003<\/a><\/div>\n<h4 class=\"pt-cv-title\"><a href=\"https:\/\/www.dmsjuridica.com\/buscador_20179478954\/corteconstitucionalcronologico202454587\/t-981-03\/\" class=\"_self\" target=\"_self\" >T-981-03<\/a><\/h4>\n<div class=\"pt-cv-content\">\u00a0 \u00a0 Sentencia T-981\/03 \u00a0 INDEMNIZACION SUSTITUTIVA-Regulaci\u00f3n normativa \u00a0 DERECHO DE PETICION EN MATERIA PENSIONAL-T\u00e9rminos para resolver\u00a0 \u00a0 INDEMNIZACION SUSTITUTIVA-Falta de regulaci\u00f3n legal expresa respecto de los t\u00e9rminos para resolver sobre su reconocimiento\/INDEMNIZACION SUSTITUTIVA-Aplicaci\u00f3n por analog\u00eda de los mismos t\u00e9rminos en materia pensional \u00a0 Ante la falta de regulaci\u00f3n legal expresa que indique el t\u00e9rmino que tendr\u00eda Cajanal en este caso para hacer efectivo el reconocimiento del derecho a la indemnizaci\u00f3n sustitutiva de la pensi\u00f3n de vejez, establecidos en el literal p) del art\u00edculo 2 de la Ley 797 de 2003, en principio, nada se opondr\u00eda para que por analog\u00eda ...<br \/><div class=\"pt-cv-rmwrap\"><a href=\"https:\/\/www.dmsjuridica.com\/buscador_20179478954\/corteconstitucionalcronologico202454587\/t-981-03\/\" class=\"_self pt-cv-readmore btn btn-success\" target=\"_self\">Ver Sentencia Completa...<\/a><\/div><\/div><\/div><\/div>\n<div class=\"col-md-12 col-sm-12 col-xs-12 pt-cv-content-item pt-cv-1-col\" ><div class='pt-cv-ifield'><a href=\"https:\/\/www.dmsjuridica.com\/buscador_20179478954\/corteconstitucionalcronologico202454587\/t-980-03\/\" class=\"_self pt-cv-href-thumbnail pt-cv-thumb-default\" target=\"_self\" ><\/a>\n<div class=\"pt-cv-taxoterm above_title\"><a href='https:\/\/www.dmsjuridica.com\/buscador_20179478954\/corteconstitucionalcronologico202454587\/category\/buscar-en-toda-la-corte\/2003\/tutelas-2003\/' title='Tutelas 2003' class='pt-cv-tax-tutelas-2003'>Tutelas 2003<\/a><\/div>\n<h4 class=\"pt-cv-title\"><a href=\"https:\/\/www.dmsjuridica.com\/buscador_20179478954\/corteconstitucionalcronologico202454587\/t-980-03\/\" class=\"_self\" target=\"_self\" >T-980-03<\/a><\/h4>\n<div class=\"pt-cv-content\">\u00a0 \u00a0 Sentencia T-980\/03 \u00a0 DERECHOS ECONOMICOS, SOCIALES Y CULTURALES-Car\u00e1cter program\u00e1tico \u00a0 SEGURO SOCIAL Y DERECHO A LA SALUD-No est\u00e1 en libertad para desarrollarlo program\u00e1ticamente \u00a0 El Seguro Social, como entidad p\u00fablica que cumple las mismas funciones que las Empresas Prestadoras de Salud, no est\u00e1 en libertad para desarrollar program\u00e1ticamente el derecho a la salud, sino que tienen la obligaci\u00f3n de cumplir con los par\u00e1metros normativos fijados por el legislador. \u00a0 ESTADO-Garante de los derechos constitucionales \u00a0 La asignaci\u00f3n al Estado de la funci\u00f3n de \u201cgarantizar la eficacia de los principios, derechos y deberes consagrados en la Constituci\u00f3n\u201d, implica, desde ...<br \/><div class=\"pt-cv-rmwrap\"><a href=\"https:\/\/www.dmsjuridica.com\/buscador_20179478954\/corteconstitucionalcronologico202454587\/t-980-03\/\" class=\"_self pt-cv-readmore btn btn-success\" target=\"_self\">Ver Sentencia Completa...<\/a><\/div><\/div><\/div><\/div>\n<div class=\"col-md-12 col-sm-12 col-xs-12 pt-cv-content-item pt-cv-1-col\" ><div class='pt-cv-ifield'><a href=\"https:\/\/www.dmsjuridica.com\/buscador_20179478954\/corteconstitucionalcronologico202454587\/t-978-03\/\" class=\"_self pt-cv-href-thumbnail pt-cv-thumb-default\" target=\"_self\" ><\/a>\n<div class=\"pt-cv-taxoterm above_title\"><a href='https:\/\/www.dmsjuridica.com\/buscador_20179478954\/corteconstitucionalcronologico202454587\/category\/buscar-en-toda-la-corte\/2003\/tutelas-2003\/' title='Tutelas 2003' class='pt-cv-tax-tutelas-2003'>Tutelas 2003<\/a><\/div>\n<h4 class=\"pt-cv-title\"><a href=\"https:\/\/www.dmsjuridica.com\/buscador_20179478954\/corteconstitucionalcronologico202454587\/t-978-03\/\" class=\"_self\" target=\"_self\" >T-978-03<\/a><\/h4>\n<div class=\"pt-cv-content\">\u00a0 \u00a0 Sentencia T-978\/03 \u00a0 JUEZ CONSTITUCIONAL-No tiene competencia para pronunciarse sobre la procedencia o no del beneficio de prisi\u00f3n domiciliaria\/JUEZ PENAL-Competencia para otorgamiento de prisi\u00f3n domiciliaria \u00a0 No le corresponde al juez constitucional pronunciarse sobre la procedencia o no del beneficio de prisi\u00f3n domiciliaria que solicita el accionante pues, como lo estableci\u00f3 esta Corporaci\u00f3n en la sentencia C-184 de 2003, \u00a0el otorgamiento de ese beneficio a los padres que lo soliciten, le corresponde a los jueces penales competentes previo estudio de los elementos probatorios pertinentes y suficientes, bajo la consideraci\u00f3n de que con esa medida se busca proteger el ...<br \/><div class=\"pt-cv-rmwrap\"><a href=\"https:\/\/www.dmsjuridica.com\/buscador_20179478954\/corteconstitucionalcronologico202454587\/t-978-03\/\" class=\"_self pt-cv-readmore btn btn-success\" target=\"_self\">Ver Sentencia Completa...<\/a><\/div><\/div><\/div><\/div>\n<div class=\"col-md-12 col-sm-12 col-xs-12 pt-cv-content-item pt-cv-1-col\" ><div class='pt-cv-ifield'><a href=\"https:\/\/www.dmsjuridica.com\/buscador_20179478954\/corteconstitucionalcronologico202454587\/t-977-03\/\" class=\"_self pt-cv-href-thumbnail pt-cv-thumb-default\" target=\"_self\" ><\/a>\n<div class=\"pt-cv-taxoterm above_title\"><a href='https:\/\/www.dmsjuridica.com\/buscador_20179478954\/corteconstitucionalcronologico202454587\/category\/buscar-en-toda-la-corte\/2003\/tutelas-2003\/' title='Tutelas 2003' class='pt-cv-tax-tutelas-2003'>Tutelas 2003<\/a><\/div>\n<h4 class=\"pt-cv-title\"><a href=\"https:\/\/www.dmsjuridica.com\/buscador_20179478954\/corteconstitucionalcronologico202454587\/t-977-03\/\" class=\"_self\" target=\"_self\" >T-977-03<\/a><\/h4>\n<div class=\"pt-cv-content\">\u00a0 \u00a0 Sentencia T-977\/03 \u00a0 CURADOR AD LITEM-Finalidad de la designaci\u00f3n\/ACCION DE TUTELA-Se designaron curadores para quienes no eran parte en el proceso de tutela \u00a0 La Sala aclara que la decisi\u00f3n de designar curadores ad litem, \u201ctiene como finalidad esencial proteger los derechos del ausente, que no por estarlo puede recibir un tratamiento procesal desventajoso, pues \u00e9ste redundar\u00eda en menoscabo de algunos de los derechos sustantivos que en el proceso se controvierten. Constituye, pues, un instrumento protector del derecho fundamental de defensa (sentencia C-250 de 1994). Por ello, debe entenderse que se trata de representar a quien resulte directamente ...<br \/><div class=\"pt-cv-rmwrap\"><a href=\"https:\/\/www.dmsjuridica.com\/buscador_20179478954\/corteconstitucionalcronologico202454587\/t-977-03\/\" class=\"_self pt-cv-readmore btn btn-success\" target=\"_self\">Ver Sentencia Completa...<\/a><\/div><\/div><\/div><\/div>\n<div class=\"col-md-12 col-sm-12 col-xs-12 pt-cv-content-item pt-cv-1-col\" ><div class='pt-cv-ifield'><a href=\"https:\/\/www.dmsjuridica.com\/buscador_20179478954\/corteconstitucionalcronologico202454587\/t-976-03\/\" class=\"_self pt-cv-href-thumbnail pt-cv-thumb-default\" target=\"_self\" ><\/a>\n<div class=\"pt-cv-taxoterm above_title\"><a href='https:\/\/www.dmsjuridica.com\/buscador_20179478954\/corteconstitucionalcronologico202454587\/category\/buscar-en-toda-la-corte\/2003\/tutelas-2003\/' title='Tutelas 2003' class='pt-cv-tax-tutelas-2003'>Tutelas 2003<\/a><\/div>\n<h4 class=\"pt-cv-title\"><a href=\"https:\/\/www.dmsjuridica.com\/buscador_20179478954\/corteconstitucionalcronologico202454587\/t-976-03\/\" class=\"_self\" target=\"_self\" >T-976-03<\/a><\/h4>\n<div class=\"pt-cv-content\">\u00a0 \u00a0 Sentencia T-976\/03 \u00a0 OBLIGACION-Concepto\/OBLIGACION-Car\u00e1cter jur\u00eddico \u00a0 Se entiende por obligaci\u00f3n la situaci\u00f3n en la cual el ordenamiento jur\u00eddico impone al individuo la realizaci\u00f3n de una conducta (activa o pasiva), cuyo incumplimiento conlleva la imposici\u00f3n de una sanci\u00f3n en sentido amplio. Una obligaci\u00f3n tiene car\u00e1cter jur\u00eddico, en tanto (i) est\u00e9 consagrada en una norma jur\u00eddica y (ii) conlleve cierta restricci\u00f3n de la libertad total personal.\u00a0 \u00a0 DEBER DE COLABORACION CON LA ADMINISTRACION DE JUSTICIA\u00a0 \u00a0 DEBER DE COLABORACION CON LA ADMINISTRACION DE JUSTICIA-No es absoluto \u00a0 Dicho deber de colaboraci\u00f3n con las autoridades en la administraci\u00f3n de justicia no ...<br \/><div class=\"pt-cv-rmwrap\"><a href=\"https:\/\/www.dmsjuridica.com\/buscador_20179478954\/corteconstitucionalcronologico202454587\/t-976-03\/\" class=\"_self pt-cv-readmore btn btn-success\" target=\"_self\">Ver Sentencia Completa...<\/a><\/div><\/div><\/div><\/div>\n<div class=\"col-md-12 col-sm-12 col-xs-12 pt-cv-content-item pt-cv-1-col\" ><div class='pt-cv-ifield'><a href=\"https:\/\/www.dmsjuridica.com\/buscador_20179478954\/corteconstitucionalcronologico202454587\/t-974-03\/\" class=\"_self pt-cv-href-thumbnail pt-cv-thumb-default\" target=\"_self\" ><\/a>\n<div class=\"pt-cv-taxoterm above_title\"><a href='https:\/\/www.dmsjuridica.com\/buscador_20179478954\/corteconstitucionalcronologico202454587\/category\/buscar-en-toda-la-corte\/2003\/tutelas-2003\/' title='Tutelas 2003' class='pt-cv-tax-tutelas-2003'>Tutelas 2003<\/a><\/div>\n<h4 class=\"pt-cv-title\"><a href=\"https:\/\/www.dmsjuridica.com\/buscador_20179478954\/corteconstitucionalcronologico202454587\/t-974-03\/\" class=\"_self\" target=\"_self\" >T-974-03<\/a><\/h4>\n<div class=\"pt-cv-content\">\u00a0 \u00a0 Sentencia T-974\/03 \u00a0 LEGITIMACION POR ACTIVA EN TUTELA\/PERSONA JURIDICA-Titularidad de derechos en tutela \u00a0 ACCION DE TUTELA INTERPUESTA POR PERSONA JURIDICA-Actuaci\u00f3n por medio de su representante legal \u00a0 PERENCION-Regulaci\u00f3n normativa \u00a0 PERENCION-Efectos de derogatoria \u00a0 La reciente reforma al C\u00f3digo de Procedimiento Civil, en su art\u00edculo 70, procedi\u00f3 a derogar los art\u00edculos 346 y 347 del citado C\u00f3digo, correspondientes a la figura de la perenci\u00f3n. Dicha reforma empez\u00f3 a regir tres (3) meses despu\u00e9s de su promulgaci\u00f3n, es decir, el 8 abril de 2003. Esto significa que en la actualidad la sanci\u00f3n por perenci\u00f3n impuesta a la Sociedad ...<br \/><div class=\"pt-cv-rmwrap\"><a href=\"https:\/\/www.dmsjuridica.com\/buscador_20179478954\/corteconstitucionalcronologico202454587\/t-974-03\/\" class=\"_self pt-cv-readmore btn btn-success\" target=\"_self\">Ver Sentencia Completa...<\/a><\/div><\/div><\/div><\/div>\n<div class=\"col-md-12 col-sm-12 col-xs-12 pt-cv-content-item pt-cv-1-col\" ><div class='pt-cv-ifield'><a href=\"https:\/\/www.dmsjuridica.com\/buscador_20179478954\/corteconstitucionalcronologico202454587\/t-973-03\/\" class=\"_self pt-cv-href-thumbnail pt-cv-thumb-default\" target=\"_self\" ><\/a>\n<div class=\"pt-cv-taxoterm above_title\"><a href='https:\/\/www.dmsjuridica.com\/buscador_20179478954\/corteconstitucionalcronologico202454587\/category\/buscar-en-toda-la-corte\/2003\/tutelas-2003\/' title='Tutelas 2003' class='pt-cv-tax-tutelas-2003'>Tutelas 2003<\/a><\/div>\n<h4 class=\"pt-cv-title\"><a href=\"https:\/\/www.dmsjuridica.com\/buscador_20179478954\/corteconstitucionalcronologico202454587\/t-973-03\/\" class=\"_self\" target=\"_self\" >T-973-03<\/a><\/h4>\n<div class=\"pt-cv-content\">\u00a0 \u00a0 Sentencia T-973\/03 \u00a0 DERECHO DE PETICION-Alcance\/DERECHO DE PETICION-N\u00facleo esencial \u00a0 QUEJA-Concepto\/QUEJA-Impulsa el inicio de una acci\u00f3n disciplinaria \u00a0 QUEJA-La intervenci\u00f3n del quejoso no es parte del proceso disciplinario \u00a0 La intervenci\u00f3n del quejoso, que no es parte del proceso disciplinario, se limita, seg\u00fan lo dispone el par\u00e1grafo del art\u00edculo 90 de la Ley734 de 2002, a presentar y ampliar la queja bajo la gravedad del juramento, a aportar las pruebas que tenga en su poder y a recurrir la decisi\u00f3n de archivo y el fallo absolutorio. Para estos efectos, podr\u00e1 conocer el expediente en la secretar\u00eda del despacho ...<br \/><div class=\"pt-cv-rmwrap\"><a href=\"https:\/\/www.dmsjuridica.com\/buscador_20179478954\/corteconstitucionalcronologico202454587\/t-973-03\/\" class=\"_self pt-cv-readmore btn btn-success\" target=\"_self\">Ver Sentencia Completa...<\/a><\/div><\/div><\/div><\/div>\n<div class=\"col-md-12 col-sm-12 col-xs-12 pt-cv-content-item pt-cv-1-col\" ><div class='pt-cv-ifield'><a href=\"https:\/\/www.dmsjuridica.com\/buscador_20179478954\/corteconstitucionalcronologico202454587\/t-972-03\/\" class=\"_self pt-cv-href-thumbnail pt-cv-thumb-default\" target=\"_self\" ><\/a>\n<div class=\"pt-cv-taxoterm above_title\"><a href='https:\/\/www.dmsjuridica.com\/buscador_20179478954\/corteconstitucionalcronologico202454587\/category\/buscar-en-toda-la-corte\/2003\/tutelas-2003\/' title='Tutelas 2003' class='pt-cv-tax-tutelas-2003'>Tutelas 2003<\/a><\/div>\n<h4 class=\"pt-cv-title\"><a href=\"https:\/\/www.dmsjuridica.com\/buscador_20179478954\/corteconstitucionalcronologico202454587\/t-972-03\/\" class=\"_self\" target=\"_self\" >T-972-03<\/a><\/h4>\n<div class=\"pt-cv-content\">\u00a0 \u00a0 Sentencia T-972\/03 \u00a0 ACCION DE TUTELA-Procedencia excepcional pago de acreencias laborales \u00a0 ACCION DE TUTELA-Procedencia excepcional pago de incapacidades laborales\u00a0 \u00a0 La falta de pago de incapacidades laborales, como una clase de acreencia laboral de aquellas contempladas en el ordenamiento legal, no escapa a dicho tratamiento, por lo que si genera la afectaci\u00f3n del m\u00ednimo vital del actor, es indudable que la acci\u00f3n de tutela que se interponga con tales supuestos, habr\u00e1 de ser procedente. \u00a0En consecuencia, cuando quiera que no se paguen las incapacidades laborales de manera oportuna y completa, se afecta el m\u00ednimo vital del trabajador ...<br \/><div class=\"pt-cv-rmwrap\"><a href=\"https:\/\/www.dmsjuridica.com\/buscador_20179478954\/corteconstitucionalcronologico202454587\/t-972-03\/\" class=\"_self pt-cv-readmore btn btn-success\" target=\"_self\">Ver Sentencia Completa...<\/a><\/div><\/div><\/div><\/div>\n<div class=\"col-md-12 col-sm-12 col-xs-12 pt-cv-content-item pt-cv-1-col\" ><div class='pt-cv-ifield'><a href=\"https:\/\/www.dmsjuridica.com\/buscador_20179478954\/corteconstitucionalcronologico202454587\/t-971-03\/\" class=\"_self pt-cv-href-thumbnail pt-cv-thumb-default\" target=\"_self\" ><\/a>\n<div class=\"pt-cv-taxoterm above_title\"><a href='https:\/\/www.dmsjuridica.com\/buscador_20179478954\/corteconstitucionalcronologico202454587\/category\/buscar-en-toda-la-corte\/2003\/tutelas-2003\/' title='Tutelas 2003' class='pt-cv-tax-tutelas-2003'>Tutelas 2003<\/a><\/div>\n<h4 class=\"pt-cv-title\"><a href=\"https:\/\/www.dmsjuridica.com\/buscador_20179478954\/corteconstitucionalcronologico202454587\/t-971-03\/\" class=\"_self\" target=\"_self\" >T-971-03<\/a><\/h4>\n<div class=\"pt-cv-content\">\u00a0 \u00a0 Sentencia T-971\/03 \u00a0 DERECHO DE PETICION-N\u00facleo esencial \u00a0 DERECHO DE PETICION ANTE PARTICULARES-Situaciones \u00a0que se presentan \u00a0 DERECHO DE PETICION EN MATERIA PENSIONAL-T\u00e9rminos para resolver \u00a0 Las entidades que hacen parte del Sistema General de Pensiones, ya sean p\u00fablicas o privadas, cuentan con un t\u00e9rmino de seis (6) meses para hacer efectivo el derecho solicitado, el cual se concreta en el pago de la pensi\u00f3n respectiva. El mencionado t\u00e9rmino se distribuye as\u00ed: quince (15) d\u00edas para atender preliminarmente la petici\u00f3n y hacer las indicaciones que fueren pertinentes al solicitante; cuatro (4) meses para resolver la solicitud de reconocimiento ...<br \/><div class=\"pt-cv-rmwrap\"><a href=\"https:\/\/www.dmsjuridica.com\/buscador_20179478954\/corteconstitucionalcronologico202454587\/t-971-03\/\" class=\"_self pt-cv-readmore btn btn-success\" target=\"_self\">Ver Sentencia Completa...<\/a><\/div><\/div><\/div><\/div>\n<div class=\"col-md-12 col-sm-12 col-xs-12 pt-cv-content-item pt-cv-1-col\" ><div class='pt-cv-ifield'><a href=\"https:\/\/www.dmsjuridica.com\/buscador_20179478954\/corteconstitucionalcronologico202454587\/t-960-03\/\" class=\"_self pt-cv-href-thumbnail pt-cv-thumb-default\" target=\"_self\" ><\/a>\n<div class=\"pt-cv-taxoterm above_title\"><a href='https:\/\/www.dmsjuridica.com\/buscador_20179478954\/corteconstitucionalcronologico202454587\/category\/buscar-en-toda-la-corte\/2003\/tutelas-2003\/' title='Tutelas 2003' class='pt-cv-tax-tutelas-2003'>Tutelas 2003<\/a><\/div>\n<h4 class=\"pt-cv-title\"><a href=\"https:\/\/www.dmsjuridica.com\/buscador_20179478954\/corteconstitucionalcronologico202454587\/t-960-03\/\" class=\"_self\" target=\"_self\" >T-960-03<\/a><\/h4>\n<div class=\"pt-cv-content\">\u00a0 \u00a0 Sentencia T-960\/03 \u00a0 \u00a0\u00a0 \u00a0 ACCION DE TUTELA CONTRA PROVIDENCIAS JUDICIALES-Procedencia excepcional por v\u00eda de hecho Judicial \u00a0 VIA DE HECHO-Arbitrariedad o error manifiesto del Juez\/VIA DE HECHO-Clases de defectos en la actuaci\u00f3n \u00a0 VIA DE HECHO-Defecto sustantivo \u00a0 VIA DE HECHO-Defecto f\u00e1ctico \u00a0 VIA DE HECHO-Defecto org\u00e1nico \u00a0 La seguridad jur\u00eddica y la autonom\u00eda e independencia judiciales son principios fundantes de los Estados democr\u00e1ticos, pero no pueden ser empleados para blindar decisiones exclusivamente basadas en el capricho, en la saliente negligencia o en la arbitrariedad de los jueces. En el Estado de Derecho, las actuaciones de las ...<br \/><div class=\"pt-cv-rmwrap\"><a href=\"https:\/\/www.dmsjuridica.com\/buscador_20179478954\/corteconstitucionalcronologico202454587\/t-960-03\/\" class=\"_self pt-cv-readmore btn btn-success\" target=\"_self\">Ver Sentencia Completa...<\/a><\/div><\/div><\/div><\/div>\n<div class=\"col-md-12 col-sm-12 col-xs-12 pt-cv-content-item pt-cv-1-col\" ><div class='pt-cv-ifield'><a href=\"https:\/\/www.dmsjuridica.com\/buscador_20179478954\/corteconstitucionalcronologico202454587\/t-959-03\/\" class=\"_self pt-cv-href-thumbnail pt-cv-thumb-default\" target=\"_self\" ><\/a>\n<div class=\"pt-cv-taxoterm above_title\"><a href='https:\/\/www.dmsjuridica.com\/buscador_20179478954\/corteconstitucionalcronologico202454587\/category\/buscar-en-toda-la-corte\/2003\/tutelas-2003\/' title='Tutelas 2003' class='pt-cv-tax-tutelas-2003'>Tutelas 2003<\/a><\/div>\n<h4 class=\"pt-cv-title\"><a href=\"https:\/\/www.dmsjuridica.com\/buscador_20179478954\/corteconstitucionalcronologico202454587\/t-959-03\/\" class=\"_self\" target=\"_self\" >T-959-03<\/a><\/h4>\n<div class=\"pt-cv-content\">\u00a0 \u00a0 Sentencia T-959\/03 \u00a0 ACTO PROPIO-Respeto \u00a0 ENTIDAD BANCARIA-Abuso de posici\u00f3n dominante \u00a0 ENTIDAD BANCARIA-Posici\u00f3n dominante\/ENTIDAD BANCARIA-No puede modificar obligaciones financieras sin consentimiento del cliente\u00a0 \u00a0 Cuando una entidad financiera profiere una comunicaci\u00f3n dirigida a uno de sus clientes en la cual le se\u00f1ala una circunstancia en particular respecto de la obligaci\u00f3n financiera que hubieren, dicha entidad financiera asume una posici\u00f3n jur\u00eddica en relaci\u00f3n con tal obligaci\u00f3n, y no podr\u00e1 modificarla de manera \u00a0unilateral e inconsulta, imponiendo una nueva posici\u00f3n jur\u00eddica, que al no poderse controvertir por parte de su cliente, vulnera su derecho al debido proceso y en ...<br \/><div class=\"pt-cv-rmwrap\"><a href=\"https:\/\/www.dmsjuridica.com\/buscador_20179478954\/corteconstitucionalcronologico202454587\/t-959-03\/\" class=\"_self pt-cv-readmore btn btn-success\" target=\"_self\">Ver Sentencia Completa...<\/a><\/div><\/div><\/div><\/div>\n<div class=\"col-md-12 col-sm-12 col-xs-12 pt-cv-content-item pt-cv-1-col\" ><div class='pt-cv-ifield'><a href=\"https:\/\/www.dmsjuridica.com\/buscador_20179478954\/corteconstitucionalcronologico202454587\/t-958-03\/\" class=\"_self pt-cv-href-thumbnail pt-cv-thumb-default\" target=\"_self\" ><\/a>\n<div class=\"pt-cv-taxoterm above_title\"><a href='https:\/\/www.dmsjuridica.com\/buscador_20179478954\/corteconstitucionalcronologico202454587\/category\/buscar-en-toda-la-corte\/2003\/tutelas-2003\/' title='Tutelas 2003' class='pt-cv-tax-tutelas-2003'>Tutelas 2003<\/a><\/div>\n<h4 class=\"pt-cv-title\"><a href=\"https:\/\/www.dmsjuridica.com\/buscador_20179478954\/corteconstitucionalcronologico202454587\/t-958-03\/\" class=\"_self\" target=\"_self\" >T-958-03<\/a><\/h4>\n<div class=\"pt-cv-content\">\u00a0 \u00a0 Sentencia T-958\/03 \u00a0 ACCION DE TUTELA-Procedencia excepcional pago de mesadas pensionales\u00a0 \u00a0 ACCION DE TUTELA-Inmediatez\/ACCION DE TUTELA-T\u00e9rmino razonable de presentaci\u00f3n \u00a0 EMPLEADOR-Situaci\u00f3n econ\u00f3mica o presupuestal no es \u00f3bice para desconocer obligaciones laborales \u00a0 DERECHO AL MINIMO VITAL DEL PENSIONADO-Pago de mesadas atrasadas \u00a0 MINIMO VITAL DEL PENSIONADO-Pago de mesadas atrasadas siempre que exista partida presupuestal o inicio de gestiones para su consecuci\u00f3n\u00a0 \u00a0 Reiteraci\u00f3n de Jurisprudencia \u00a0 Referencia: expedientes T-761192 \u00a0y T-761193. \u00a0 Acciones de tutela instauradas por Juan Sebasti\u00e1n Palacios Palacios y Reinaldo Antonio Castillo Borja contra el Departamento de Choc\u00f3. \u00a0 Magistrado Ponente: \u00a0 Dr. RODRIGO ...<br \/><div class=\"pt-cv-rmwrap\"><a href=\"https:\/\/www.dmsjuridica.com\/buscador_20179478954\/corteconstitucionalcronologico202454587\/t-958-03\/\" class=\"_self pt-cv-readmore btn btn-success\" target=\"_self\">Ver Sentencia Completa...<\/a><\/div><\/div><\/div><\/div>\n<div class=\"col-md-12 col-sm-12 col-xs-12 pt-cv-content-item pt-cv-1-col\" ><div class='pt-cv-ifield'><a href=\"https:\/\/www.dmsjuridica.com\/buscador_20179478954\/corteconstitucionalcronologico202454587\/t-956-03\/\" class=\"_self pt-cv-href-thumbnail pt-cv-thumb-default\" target=\"_self\" ><\/a>\n<div class=\"pt-cv-taxoterm above_title\"><a href='https:\/\/www.dmsjuridica.com\/buscador_20179478954\/corteconstitucionalcronologico202454587\/category\/buscar-en-toda-la-corte\/2003\/tutelas-2003\/' title='Tutelas 2003' class='pt-cv-tax-tutelas-2003'>Tutelas 2003<\/a><\/div>\n<h4 class=\"pt-cv-title\"><a href=\"https:\/\/www.dmsjuridica.com\/buscador_20179478954\/corteconstitucionalcronologico202454587\/t-956-03\/\" class=\"_self\" target=\"_self\" >T-956-03<\/a><\/h4>\n<div class=\"pt-cv-content\">\u00a0 \u00a0 Sentencia T-956\/03 \u00a0 FUERZAS MILITARES-Atenci\u00f3n medica de quien adquiere lesi\u00f3n o enfermedad con ocasi\u00f3n del servicio militar \u00a0 FUERZAS MILITARES-Atenci\u00f3n medica por lesi\u00f3n que persisten al momento del desacuartelamiento \u00a0 DERECHO A LA SALUD-Lesiones sicol\u00f3gicas de ex-soldado\u00a0 \u00a0 No es posible afirmar que las lesiones sicol\u00f3gicas que ahora lo afectan hubiesen tenido origen en la prestaci\u00f3n del servicio, ni con ocasi\u00f3n del mismo. Ni siquiera aparece probado que su retiro se hubiese producido por enfermedad, ni que el interesado hubiera solicitado al Ej\u00e9rcito servicios m\u00e9dicos a ese respecto. En s\u00edntesis, no puede establecerse relaci\u00f3n de conexidad entre su ...<br \/><div class=\"pt-cv-rmwrap\"><a href=\"https:\/\/www.dmsjuridica.com\/buscador_20179478954\/corteconstitucionalcronologico202454587\/t-956-03\/\" class=\"_self pt-cv-readmore btn btn-success\" target=\"_self\">Ver Sentencia Completa...<\/a><\/div><\/div><\/div><\/div>\n<div class=\"col-md-12 col-sm-12 col-xs-12 pt-cv-content-item pt-cv-1-col\" ><div class='pt-cv-ifield'><a href=\"https:\/\/www.dmsjuridica.com\/buscador_20179478954\/corteconstitucionalcronologico202454587\/t-955-03\/\" class=\"_self pt-cv-href-thumbnail pt-cv-thumb-default\" target=\"_self\" ><\/a>\n<div class=\"pt-cv-taxoterm above_title\"><a href='https:\/\/www.dmsjuridica.com\/buscador_20179478954\/corteconstitucionalcronologico202454587\/category\/buscar-en-toda-la-corte\/2003\/tutelas-2003\/' title='Tutelas 2003' class='pt-cv-tax-tutelas-2003'>Tutelas 2003<\/a><\/div>\n<h4 class=\"pt-cv-title\"><a href=\"https:\/\/www.dmsjuridica.com\/buscador_20179478954\/corteconstitucionalcronologico202454587\/t-955-03\/\" class=\"_self\" target=\"_self\" >T-955-03<\/a><\/h4>\n<div class=\"pt-cv-content\">\u00a0 \u00a0 Sentencia T-955\/03 \u00a0 \u00a0 \u00a0 JUNTA DE CONSEJO COMUNITARIO DE COMUNIDAD NEGRA-Funciones \u00a0 COMUNIDAD NEGRA-Concepto \u00a0 COMUNIDAD NEGRA-Representante legal \u00a0 LEGITIMACION POR ACTIVA EN TUTELA-Comunidades negras de la Cuenca del r\u00edo Cacarica no requieren representaci\u00f3n de persona jur\u00eddica \u00a0 Los actores son integrantes de las comunidades negras de la Cuenca del r\u00edo Cacarica, no interesa para efecto de determinar la legitimaci\u00f3n de su pretensi\u00f3n que ostenten la representaci\u00f3n de la persona jur\u00eddica \u2013Consejo Mayor de la Cuenca del Cacarica-, como tampoco que dicha representaci\u00f3n se encuentre actualmente en disputa. Lo expuesto en raz\u00f3n de que la jurisprudencia constitucional ...<br \/><div class=\"pt-cv-rmwrap\"><a href=\"https:\/\/www.dmsjuridica.com\/buscador_20179478954\/corteconstitucionalcronologico202454587\/t-955-03\/\" class=\"_self pt-cv-readmore btn btn-success\" target=\"_self\">Ver Sentencia Completa...<\/a><\/div><\/div><\/div><\/div>\n<div class=\"col-md-12 col-sm-12 col-xs-12 pt-cv-content-item pt-cv-1-col\" ><div class='pt-cv-ifield'><a href=\"https:\/\/www.dmsjuridica.com\/buscador_20179478954\/corteconstitucionalcronologico202454587\/t-954-03\/\" class=\"_self pt-cv-href-thumbnail pt-cv-thumb-default\" target=\"_self\" ><\/a>\n<div class=\"pt-cv-taxoterm above_title\"><a href='https:\/\/www.dmsjuridica.com\/buscador_20179478954\/corteconstitucionalcronologico202454587\/category\/buscar-en-toda-la-corte\/2003\/tutelas-2003\/' title='Tutelas 2003' class='pt-cv-tax-tutelas-2003'>Tutelas 2003<\/a><\/div>\n<h4 class=\"pt-cv-title\"><a href=\"https:\/\/www.dmsjuridica.com\/buscador_20179478954\/corteconstitucionalcronologico202454587\/t-954-03\/\" class=\"_self\" target=\"_self\" >T-954-03<\/a><\/h4>\n<div class=\"pt-cv-content\">\u00a0 \u00a0 Sentencia T-954\/03 \u00a0 DERECHO A LA SUSTITUCION PENSIONAL-Finalidad \u00a0 DERECHO A LA SUSTITUCION PENSIONAL-Fundamental \u00a0 REGIMEN DE SUSTITUCION PENSIONAL-Garant\u00eda del derecho a la educaci\u00f3n\u00a0 \u00a0 El r\u00e9gimen de la sustituci\u00f3n pensional constituye una garant\u00eda del derecho a la educaci\u00f3n, pues lo que se pretende en particular con \u00e9ste derecho y en relaci\u00f3n con la sustituci\u00f3n pensional es proteger la situaci\u00f3n de debilidad manifiesta que presenta quien a\u00fan ostentando la calidad de estudiante y en proceso de formaci\u00f3n intelectual, pierde al progenitor, para que pueda as\u00ed, contar con las condiciones necesarias que le permitan culminar el proceso de formaci\u00f3n ...<br \/><div class=\"pt-cv-rmwrap\"><a href=\"https:\/\/www.dmsjuridica.com\/buscador_20179478954\/corteconstitucionalcronologico202454587\/t-954-03\/\" class=\"_self pt-cv-readmore btn btn-success\" target=\"_self\">Ver Sentencia Completa...<\/a><\/div><\/div><\/div><\/div>\n<div class=\"col-md-12 col-sm-12 col-xs-12 pt-cv-content-item pt-cv-1-col\" ><div class='pt-cv-ifield'><a href=\"https:\/\/www.dmsjuridica.com\/buscador_20179478954\/corteconstitucionalcronologico202454587\/t-953-03\/\" class=\"_self pt-cv-href-thumbnail pt-cv-thumb-default\" target=\"_self\" ><\/a>\n<div class=\"pt-cv-taxoterm above_title\"><a href='https:\/\/www.dmsjuridica.com\/buscador_20179478954\/corteconstitucionalcronologico202454587\/category\/buscar-en-toda-la-corte\/2003\/tutelas-2003\/' title='Tutelas 2003' class='pt-cv-tax-tutelas-2003'>Tutelas 2003<\/a><\/div>\n<h4 class=\"pt-cv-title\"><a href=\"https:\/\/www.dmsjuridica.com\/buscador_20179478954\/corteconstitucionalcronologico202454587\/t-953-03\/\" class=\"_self\" target=\"_self\" >T-953-03<\/a><\/h4>\n<div class=\"pt-cv-content\">\u00a0 \u00a0 Sentencia T-953\/03 \u00a0 ACCION DE TUTELA-Ni\u00f1os, adolescentes y mujeres cabeza de familia sujetos de especial protecci\u00f3n \u00a0 INTERES SUPERIOR DEL MENOR-Protecci\u00f3n \u00a0 SISTEMA DE SEGURIDAD SOCIAL EN SALUD-Atenci\u00f3n integral a los ni\u00f1os \u00a0 No puede decirse que la atenci\u00f3n integral en salud del reci\u00e9n nacido pende de que \u00e9ste pertenezca al grupo familiar del cotizante, como tampoco es dable afirmar que dicha atenci\u00f3n se supedita al pago de un aporte adicional, por parte de aquel; porque el Sistema de Seguridad Social ampara la salud integral de todos los ni\u00f1os, durante el primer a\u00f1o de vida, desde su concepci\u00f3n, ...<br \/><div class=\"pt-cv-rmwrap\"><a href=\"https:\/\/www.dmsjuridica.com\/buscador_20179478954\/corteconstitucionalcronologico202454587\/t-953-03\/\" class=\"_self pt-cv-readmore btn btn-success\" target=\"_self\">Ver Sentencia Completa...<\/a><\/div><\/div><\/div><\/div>\n<div class=\"col-md-12 col-sm-12 col-xs-12 pt-cv-content-item pt-cv-1-col\" ><div class='pt-cv-ifield'><a href=\"https:\/\/www.dmsjuridica.com\/buscador_20179478954\/corteconstitucionalcronologico202454587\/t-952-03\/\" class=\"_self pt-cv-href-thumbnail pt-cv-thumb-default\" target=\"_self\" ><\/a>\n<div class=\"pt-cv-taxoterm above_title\"><a href='https:\/\/www.dmsjuridica.com\/buscador_20179478954\/corteconstitucionalcronologico202454587\/category\/buscar-en-toda-la-corte\/2003\/tutelas-2003\/' title='Tutelas 2003' class='pt-cv-tax-tutelas-2003'>Tutelas 2003<\/a><\/div>\n<h4 class=\"pt-cv-title\"><a href=\"https:\/\/www.dmsjuridica.com\/buscador_20179478954\/corteconstitucionalcronologico202454587\/t-952-03\/\" class=\"_self\" target=\"_self\" >T-952-03<\/a><\/h4>\n<div class=\"pt-cv-content\">\u00a0 \u00a0 Sentencia T-952\/03 \u00a0 DERECHO DE ASOCIACION SINDICAL-Alcance\/LIBERTAD DE ASOCIACION SINDICAL-Alcance \u00a0 El derecho de asociarse a un sindicato sea \u00e9ste de industria, de base o de cualquier otra categor\u00eda, seg\u00fan la clasificaci\u00f3n legal, es un derecho fundamental y el mismo se vulnera cuando se le impide a un trabajador afiliarse a un sindicato o cuando se le obliga a hacerlo. Existe entonces, \u00a0la libertad de no pertenecer o de retirarse de una asociaci\u00f3n, cuando se es parte de \u00e9sta. La libertad sindical comprende tanto la libertad para afiliarse como para retirarse de la agrupaci\u00f3n sindical respectiva, pues en ...<br \/><div class=\"pt-cv-rmwrap\"><a href=\"https:\/\/www.dmsjuridica.com\/buscador_20179478954\/corteconstitucionalcronologico202454587\/t-952-03\/\" class=\"_self pt-cv-readmore btn btn-success\" target=\"_self\">Ver Sentencia Completa...<\/a><\/div><\/div><\/div><\/div>\n<div class=\"col-md-12 col-sm-12 col-xs-12 pt-cv-content-item pt-cv-1-col\" ><div class='pt-cv-ifield'><a href=\"https:\/\/www.dmsjuridica.com\/buscador_20179478954\/corteconstitucionalcronologico202454587\/t-951-03\/\" class=\"_self pt-cv-href-thumbnail pt-cv-thumb-default\" target=\"_self\" ><\/a>\n<div class=\"pt-cv-taxoterm above_title\"><a href='https:\/\/www.dmsjuridica.com\/buscador_20179478954\/corteconstitucionalcronologico202454587\/category\/buscar-en-toda-la-corte\/2003\/tutelas-2003\/' title='Tutelas 2003' class='pt-cv-tax-tutelas-2003'>Tutelas 2003<\/a><\/div>\n<h4 class=\"pt-cv-title\"><a href=\"https:\/\/www.dmsjuridica.com\/buscador_20179478954\/corteconstitucionalcronologico202454587\/t-951-03\/\" class=\"_self\" target=\"_self\" >T-951-03<\/a><\/h4>\n<div class=\"pt-cv-content\">\u00a0 \u00a0 Sentencia T-951\/03 \u00a0 DERECHO DE PETICION ANTE EL SEGURO SOCIAL-T\u00e9rmino de cuatro y seis meses para resolver reconocimiento y pago de pensi\u00f3n\/DERECHO DE PETICION ANTE EL SEGURO SOCIAL-T\u00e9rmino de quince d\u00edas para resolver asuntos dentro del tr\u00e1mite de pensi\u00f3n \u00a0 Los t\u00e9rminos de cuatro y seis meses a los que la Sala hace referencia operan, entonces, para que el Seguro Social resuelva definitivamente sobre el reconocimiento de la pensi\u00f3n y para que definido el asunto culmine los tr\u00e1mites que le permitan pagar las mesadas que adeuda, e incluir en n\u00f3mina al pensionado o beneficiario, pero no para resolver ...<br \/><div class=\"pt-cv-rmwrap\"><a href=\"https:\/\/www.dmsjuridica.com\/buscador_20179478954\/corteconstitucionalcronologico202454587\/t-951-03\/\" class=\"_self pt-cv-readmore btn btn-success\" target=\"_self\">Ver Sentencia Completa...<\/a><\/div><\/div><\/div><\/div>\n<div class=\"col-md-12 col-sm-12 col-xs-12 pt-cv-content-item pt-cv-1-col\" ><div class='pt-cv-ifield'><a href=\"https:\/\/www.dmsjuridica.com\/buscador_20179478954\/corteconstitucionalcronologico202454587\/t-950-03\/\" class=\"_self pt-cv-href-thumbnail pt-cv-thumb-default\" target=\"_self\" ><\/a>\n<div class=\"pt-cv-taxoterm above_title\"><a href='https:\/\/www.dmsjuridica.com\/buscador_20179478954\/corteconstitucionalcronologico202454587\/category\/buscar-en-toda-la-corte\/2003\/tutelas-2003\/' title='Tutelas 2003' class='pt-cv-tax-tutelas-2003'>Tutelas 2003<\/a><\/div>\n<h4 class=\"pt-cv-title\"><a href=\"https:\/\/www.dmsjuridica.com\/buscador_20179478954\/corteconstitucionalcronologico202454587\/t-950-03\/\" class=\"_self\" target=\"_self\" >T-950-03<\/a><\/h4>\n<div class=\"pt-cv-content\">\u00a0 \u00a0 Sentencia T-950\/03 \u00a0 ACCION DE TUTELA CONTRA PROVIDENCIAS JUDICIALES-Procedencia excepcional por v\u00eda de hecho judicial \u00a0 DEBIDO PROCESO-Igualdad procesal en el plano normativo \u00a0 Un debido proceso justo supone que, en el plano normativo, las partes est\u00e9n en una situaci\u00f3n de igualdad procesal. En este sentido, las potestades o privilegios para alguna de las partes en los diversos procesos son eminentemente extraordinarias. De ordinario las partes se encuentran en una situaci\u00f3n de igualdad normativa. Esta igualdad normativa ha de proyectarse sobre la realidad f\u00e1ctica de cada proceso. As\u00ed, ha de asegurarse que la partes tengan iguales oportunidades de ...<br \/><div class=\"pt-cv-rmwrap\"><a href=\"https:\/\/www.dmsjuridica.com\/buscador_20179478954\/corteconstitucionalcronologico202454587\/t-950-03\/\" class=\"_self pt-cv-readmore btn btn-success\" target=\"_self\">Ver Sentencia Completa...<\/a><\/div><\/div><\/div><\/div>\n<div class=\"col-md-12 col-sm-12 col-xs-12 pt-cv-content-item pt-cv-1-col\" ><div class='pt-cv-ifield'><a href=\"https:\/\/www.dmsjuridica.com\/buscador_20179478954\/corteconstitucionalcronologico202454587\/t-949-03\/\" class=\"_self pt-cv-href-thumbnail pt-cv-thumb-default\" target=\"_self\" ><\/a>\n<div class=\"pt-cv-taxoterm above_title\"><a href='https:\/\/www.dmsjuridica.com\/buscador_20179478954\/corteconstitucionalcronologico202454587\/category\/buscar-en-toda-la-corte\/2003\/tutelas-2003\/' title='Tutelas 2003' class='pt-cv-tax-tutelas-2003'>Tutelas 2003<\/a><\/div>\n<h4 class=\"pt-cv-title\"><a href=\"https:\/\/www.dmsjuridica.com\/buscador_20179478954\/corteconstitucionalcronologico202454587\/t-949-03\/\" class=\"_self\" target=\"_self\" >T-949-03<\/a><\/h4>\n<div class=\"pt-cv-content\">\u00a0 \u00a0 Sentencia T-949\/03 \u00a0 CORTE CONSTITUCIONAL Y CORTE SUPREMA DE JUSTICIA-Doctrina sobre suplantaci\u00f3n de personas y homonimia\/MEDIO DE DEFENSA JUDICIAL-Suplantaci\u00f3n de personas y homonimia \u00a0 La Corte Constitucional comparte la doctrina que en materia de protecci\u00f3n de derechos fundamentales relacionados con situaciones de suplantaci\u00f3n de personas o de hom\u00f3nimos ha sostenido la Sala Penal de la Corte Suprema de Justicia. El punto central de dicha doctrina es el de la existencia de otro mecanismo de defensa judicial, que consiste en la solicitud respectiva ante el juez de ejecuci\u00f3n de penas y medidas de \u00a0seguridad competente. Para la Sala Penal, ...<br \/><div class=\"pt-cv-rmwrap\"><a href=\"https:\/\/www.dmsjuridica.com\/buscador_20179478954\/corteconstitucionalcronologico202454587\/t-949-03\/\" class=\"_self pt-cv-readmore btn btn-success\" target=\"_self\">Ver Sentencia Completa...<\/a><\/div><\/div><\/div><\/div>\n<div class=\"col-md-12 col-sm-12 col-xs-12 pt-cv-content-item pt-cv-1-col\" ><div class='pt-cv-ifield'><a href=\"https:\/\/www.dmsjuridica.com\/buscador_20179478954\/corteconstitucionalcronologico202454587\/t-948-03\/\" class=\"_self pt-cv-href-thumbnail pt-cv-thumb-default\" target=\"_self\" ><\/a>\n<div class=\"pt-cv-taxoterm above_title\"><a href='https:\/\/www.dmsjuridica.com\/buscador_20179478954\/corteconstitucionalcronologico202454587\/category\/buscar-en-toda-la-corte\/2003\/tutelas-2003\/' title='Tutelas 2003' class='pt-cv-tax-tutelas-2003'>Tutelas 2003<\/a><\/div>\n<h4 class=\"pt-cv-title\"><a href=\"https:\/\/www.dmsjuridica.com\/buscador_20179478954\/corteconstitucionalcronologico202454587\/t-948-03\/\" class=\"_self\" target=\"_self\" >T-948-03<\/a><\/h4>\n<div class=\"pt-cv-content\">\u00a0 \u00a0 Sentencia T-948\/03 \u00a0 DERECHO DE PETICION EN ACTUACIONES ADMINISTRATIVAS-Respuesta dentro del t\u00e9rmino establecido \u00a0 En principio, cuando cursa ante la administraci\u00f3n un procedimiento, es dentro de los t\u00e9rminos que la norma que lo desarrolla establezca que se debe dar una respuesta a lo pedido. No se puede exigir que se resuelva de fondo antes de los lapsos establecidos normativamente. Ahora bien, transcurrido el t\u00e9rmino establecido por la norma que regula el procedimiento es deber de la administraci\u00f3n responder de fondo en el sentido que estime pertinente. \u00a0 JUEZ DE TUTELA-No puede decretar los efectos del silencio administrativo positivo\u00a0 ...<br \/><div class=\"pt-cv-rmwrap\"><a href=\"https:\/\/www.dmsjuridica.com\/buscador_20179478954\/corteconstitucionalcronologico202454587\/t-948-03\/\" class=\"_self pt-cv-readmore btn btn-success\" target=\"_self\">Ver Sentencia Completa...<\/a><\/div><\/div><\/div><\/div>\n<div class=\"col-md-12 col-sm-12 col-xs-12 pt-cv-content-item pt-cv-1-col\" ><div class='pt-cv-ifield'><a href=\"https:\/\/www.dmsjuridica.com\/buscador_20179478954\/corteconstitucionalcronologico202454587\/t-947-03\/\" class=\"_self pt-cv-href-thumbnail pt-cv-thumb-default\" target=\"_self\" ><\/a>\n<div class=\"pt-cv-taxoterm above_title\"><a href='https:\/\/www.dmsjuridica.com\/buscador_20179478954\/corteconstitucionalcronologico202454587\/category\/buscar-en-toda-la-corte\/2003\/tutelas-2003\/' title='Tutelas 2003' class='pt-cv-tax-tutelas-2003'>Tutelas 2003<\/a><\/div>\n<h4 class=\"pt-cv-title\"><a href=\"https:\/\/www.dmsjuridica.com\/buscador_20179478954\/corteconstitucionalcronologico202454587\/t-947-03\/\" class=\"_self\" target=\"_self\" >T-947-03<\/a><\/h4>\n<div class=\"pt-cv-content\">\u00a0 \u00a0 Sentencia T-947\/03 \u00a0 ACCION DE TUTELA-Improcedencia para reconocimiento de prestaciones sociales \u00a0 ACCION DE TUTELA-Pago oportuno de mesadas pensionales ciertas e indiscutibles \u00a0 DERECHO DE PETICION-Alcance \u00a0 ACCION DE TUTELA-Improcedencia para el reclamo de reajuste pensional de sumas ya causadas\u00a0 \u00a0 Se pide concretamente el pago \u00a0de una cantidad de dinero correspondiente a un reajuste pensional hasta el mes de noviembre de 2002. Es decir, se reclama por sumas ya causadas. Estas prestaciones debidas, correspondientes a un posible \u00a0reajuste pensional, no son reclamables por tutela. El derecho reclamado tiene que ser cierto e \u00a0indiscutible y \u00a0debe demostrarse que ...<br \/><div class=\"pt-cv-rmwrap\"><a href=\"https:\/\/www.dmsjuridica.com\/buscador_20179478954\/corteconstitucionalcronologico202454587\/t-947-03\/\" class=\"_self pt-cv-readmore btn btn-success\" target=\"_self\">Ver Sentencia Completa...<\/a><\/div><\/div><\/div><\/div>\n<div class=\"col-md-12 col-sm-12 col-xs-12 pt-cv-content-item pt-cv-1-col\" ><div class='pt-cv-ifield'><a href=\"https:\/\/www.dmsjuridica.com\/buscador_20179478954\/corteconstitucionalcronologico202454587\/t-946-03\/\" class=\"_self pt-cv-href-thumbnail pt-cv-thumb-default\" target=\"_self\" ><\/a>\n<div class=\"pt-cv-taxoterm above_title\"><a href='https:\/\/www.dmsjuridica.com\/buscador_20179478954\/corteconstitucionalcronologico202454587\/category\/buscar-en-toda-la-corte\/2003\/tutelas-2003\/' title='Tutelas 2003' class='pt-cv-tax-tutelas-2003'>Tutelas 2003<\/a><\/div>\n<h4 class=\"pt-cv-title\"><a href=\"https:\/\/www.dmsjuridica.com\/buscador_20179478954\/corteconstitucionalcronologico202454587\/t-946-03\/\" class=\"_self\" target=\"_self\" >T-946-03<\/a><\/h4>\n<div class=\"pt-cv-content\">\u00a0 \u00a0 Sentencia T-946\/03 \u00a0 ACCION DE TUTELA-Procedencia excepcional para suministro de \u00a0 Aud\u00edfonos \u00a0 Si el aparato auditivo constituye un requisito indispensable para la funcionabilidad de las habilidades comunicativas y para desarrollar normalmente la vida cotidiana del interesado, la acci\u00f3n de tutela puede prosperar, de lo contrario, no. \u00a0 DERECHO A LA INTEGRIDAD Y DIGNIDAD PERSONAL-suministro de aud\u00edfonos para mejorar condiciones auditivas\u00a0 \u00a0 Debe tenerse en cuenta que en el caso bajo estudio, est\u00e1 probado que el suministro del aud\u00edfono es indispensable para que el actor pueda mejorar sus condiciones auditivas en el o\u00eddo por el que algo oye, ...<br \/><div class=\"pt-cv-rmwrap\"><a href=\"https:\/\/www.dmsjuridica.com\/buscador_20179478954\/corteconstitucionalcronologico202454587\/t-946-03\/\" class=\"_self pt-cv-readmore btn btn-success\" target=\"_self\">Ver Sentencia Completa...<\/a><\/div><\/div><\/div><\/div>\n<div class=\"col-md-12 col-sm-12 col-xs-12 pt-cv-content-item pt-cv-1-col\" ><div class='pt-cv-ifield'><a href=\"https:\/\/www.dmsjuridica.com\/buscador_20179478954\/corteconstitucionalcronologico202454587\/t-934-03\/\" class=\"_self pt-cv-href-thumbnail pt-cv-thumb-default\" target=\"_self\" ><\/a>\n<div class=\"pt-cv-taxoterm above_title\"><a href='https:\/\/www.dmsjuridica.com\/buscador_20179478954\/corteconstitucionalcronologico202454587\/category\/buscar-en-toda-la-corte\/2003\/tutelas-2003\/' title='Tutelas 2003' class='pt-cv-tax-tutelas-2003'>Tutelas 2003<\/a><\/div>\n<h4 class=\"pt-cv-title\"><a href=\"https:\/\/www.dmsjuridica.com\/buscador_20179478954\/corteconstitucionalcronologico202454587\/t-934-03\/\" class=\"_self\" target=\"_self\" >T-934-03<\/a><\/h4>\n<div class=\"pt-cv-content\">\u00a0 \u00a0 Sentencia T-934\/03 \u00a0 ACCION DE TUTELA-Hecho superado por reconocimiento de pensi\u00f3n a madre de soldado fallecido en combate \u00a0 Referencia: expediente T-755407 \u00a0 Acci\u00f3n de tutela instaurada por D\u00e9bora Fern\u00e1ndez en contra del Ministerio de Defensa Nacional \u2013 Grupo Prestaciones Sociales. \u00a0 Magistrado Ponente: \u00a0 Dr. MANUEL JOSE CEPEDA ESPINOSA \u00a0 Bogot\u00e1, D.C., diez (10) de octubre de dos mil tres (2003). \u00a0 La Sala Tercera de Revisi\u00f3n de la Corte Constitucional, integrada por los magistrados Manuel Jos\u00e9 Cepeda Espinosa, Jaime C\u00f3rdoba Trivi\u00f1o y Rodrigo Escobar Gil, en ejercicio de sus competencias constitucionales y legales, ha proferido la ...<br \/><div class=\"pt-cv-rmwrap\"><a href=\"https:\/\/www.dmsjuridica.com\/buscador_20179478954\/corteconstitucionalcronologico202454587\/t-934-03\/\" class=\"_self pt-cv-readmore btn btn-success\" target=\"_self\">Ver Sentencia Completa...<\/a><\/div><\/div><\/div><\/div>\n<div class=\"col-md-12 col-sm-12 col-xs-12 pt-cv-content-item pt-cv-1-col\" ><div class='pt-cv-ifield'><a href=\"https:\/\/www.dmsjuridica.com\/buscador_20179478954\/corteconstitucionalcronologico202454587\/t-933-03\/\" class=\"_self pt-cv-href-thumbnail pt-cv-thumb-default\" target=\"_self\" ><\/a>\n<div class=\"pt-cv-taxoterm above_title\"><a href='https:\/\/www.dmsjuridica.com\/buscador_20179478954\/corteconstitucionalcronologico202454587\/category\/buscar-en-toda-la-corte\/2003\/tutelas-2003\/' title='Tutelas 2003' class='pt-cv-tax-tutelas-2003'>Tutelas 2003<\/a><\/div>\n<h4 class=\"pt-cv-title\"><a href=\"https:\/\/www.dmsjuridica.com\/buscador_20179478954\/corteconstitucionalcronologico202454587\/t-933-03\/\" class=\"_self\" target=\"_self\" >T-933-03<\/a><\/h4>\n<div class=\"pt-cv-content\">\u00a0 \u00a0 Sentencia T-933\/03 \u00a0 VIA DE HECHO-Clases de defectos en la actuaci\u00f3n \u00a0 VIA DE HECHO-Defecto f\u00e1ctico \u00a0 VIA DE HECHO EN MATERIA DE INTERPRETACION-Presupuestos necesarios \u00a0 VIA DE HECHO-Inexistencia respecto a valoraci\u00f3n probatoria\/VIA DE HECHO POR DEFECTO FACTICO-Improcedencia para el caso \u00a0 Referencia: expediente T-754736 \u00a0 Acci\u00f3n de tutela instaurada por Armando Pombo Orozco y Grimaldo Aparicio Lora contra el Tribunal Superior de Distrito Judicial de Cartagena Sala Laboral \u00a0 Magistrado Ponente: \u00a0 Dr. MANUEL JOS\u00c9 CEPEDA ESPINOSA \u00a0 Bogot\u00e1, D.C., diez (10) de octubre de dos mil tres (2003). \u00a0 En el proceso de revisi\u00f3n del fallo ...<br \/><div class=\"pt-cv-rmwrap\"><a href=\"https:\/\/www.dmsjuridica.com\/buscador_20179478954\/corteconstitucionalcronologico202454587\/t-933-03\/\" class=\"_self pt-cv-readmore btn btn-success\" target=\"_self\">Ver Sentencia Completa...<\/a><\/div><\/div><\/div><\/div>\n<div class=\"col-md-12 col-sm-12 col-xs-12 pt-cv-content-item pt-cv-1-col\" ><div class='pt-cv-ifield'><a href=\"https:\/\/www.dmsjuridica.com\/buscador_20179478954\/corteconstitucionalcronologico202454587\/t-932-03\/\" class=\"_self pt-cv-href-thumbnail pt-cv-thumb-default\" target=\"_self\" ><\/a>\n<div class=\"pt-cv-taxoterm above_title\"><a href='https:\/\/www.dmsjuridica.com\/buscador_20179478954\/corteconstitucionalcronologico202454587\/category\/buscar-en-toda-la-corte\/2003\/tutelas-2003\/' title='Tutelas 2003' class='pt-cv-tax-tutelas-2003'>Tutelas 2003<\/a><\/div>\n<h4 class=\"pt-cv-title\"><a href=\"https:\/\/www.dmsjuridica.com\/buscador_20179478954\/corteconstitucionalcronologico202454587\/t-932-03\/\" class=\"_self\" target=\"_self\" >T-932-03<\/a><\/h4>\n<div class=\"pt-cv-content\">\u00a0 \u00a0 Sentencia T-932\/03 \u00a0 ACCION DE TUTELA CONTRA PROVIDENCIAS JUDICIALES-Procedencia excepcional por v\u00eda de hecho judicial \u00a0 VIA DE HECHO-Clases de defectos en la actuaci\u00f3n\u00a0 \u00a0 VIA DE HECHO-Defecto sustantivo \u00a0 VIA DE HECHO-Defecto f\u00e1ctico \u00a0 VIA DE HECHO-Defecto org\u00e1nico \u00a0 VIA DE HECHO POR DEFECTO FACTICO-Alcance \u00a0 JUEZ-Criterios objetivos para valoraci\u00f3n de pruebas \u00a0 El administrador de justicia dispone de un amplio margen para valorar el acervo probatorio y formar libremente su convencimiento. Pero esto exige que su estimaci\u00f3n se sustente en criterios objetivos que ponderen la relevancia de cada prueba, debidamente allegada al proceso. Por esto, cuando ...<br \/><div class=\"pt-cv-rmwrap\"><a href=\"https:\/\/www.dmsjuridica.com\/buscador_20179478954\/corteconstitucionalcronologico202454587\/t-932-03\/\" class=\"_self pt-cv-readmore btn btn-success\" target=\"_self\">Ver Sentencia Completa...<\/a><\/div><\/div><\/div><\/div>\n<div class=\"col-md-12 col-sm-12 col-xs-12 pt-cv-content-item pt-cv-1-col\" ><div class='pt-cv-ifield'><a href=\"https:\/\/www.dmsjuridica.com\/buscador_20179478954\/corteconstitucionalcronologico202454587\/t-931-03\/\" class=\"_self pt-cv-href-thumbnail pt-cv-thumb-default\" target=\"_self\" ><\/a>\n<div class=\"pt-cv-taxoterm above_title\"><a href='https:\/\/www.dmsjuridica.com\/buscador_20179478954\/corteconstitucionalcronologico202454587\/category\/buscar-en-toda-la-corte\/2003\/tutelas-2003\/' title='Tutelas 2003' class='pt-cv-tax-tutelas-2003'>Tutelas 2003<\/a><\/div>\n<h4 class=\"pt-cv-title\"><a href=\"https:\/\/www.dmsjuridica.com\/buscador_20179478954\/corteconstitucionalcronologico202454587\/t-931-03\/\" class=\"_self\" target=\"_self\" >T-931-03<\/a><\/h4>\n<div class=\"pt-cv-content\">\u00a0 \u00a0 Sentencia T-931\/03 \u00a0 LICENCIA DE MATERNIDAD-R\u00e9gimen legal y reglamentario \u00a0 LICENCIA DE MATERNIDAD-Procedencia excepcional de tutela para el pago \u00a0 LICENCIA DE MATERNIDAD-No se pueden establecer requisitos que hagan nugatorio el reconocimiento de la prestaci\u00f3n \u00a0 LICENCIA DE MATERNIDAD-Pago por tutela cuando afecta el m\u00ednimo vital de la madre y su hijo \u00a0 Reiteraci\u00f3n de Jurisprudencia \u00a0 Referencia: expediente T-754538 \u00a0 Acci\u00f3n de tutela instaurada por Diana Castro Olaya contra Cafesalud E.P.S. \u00a0 Magistrada Ponente: \u00a0 Dra. CLARA IN\u00c9S VARGAS HERN\u00c1NDEZ \u00a0 Bogot\u00e1, D. C., diez (10) de octubre de dos mil tres (2003). \u00a0 La Sala Novena ...<br \/><div class=\"pt-cv-rmwrap\"><a href=\"https:\/\/www.dmsjuridica.com\/buscador_20179478954\/corteconstitucionalcronologico202454587\/t-931-03\/\" class=\"_self pt-cv-readmore btn btn-success\" target=\"_self\">Ver Sentencia Completa...<\/a><\/div><\/div><\/div><\/div>\n<div class=\"col-md-12 col-sm-12 col-xs-12 pt-cv-content-item pt-cv-1-col\" ><div class='pt-cv-ifield'><a href=\"https:\/\/www.dmsjuridica.com\/buscador_20179478954\/corteconstitucionalcronologico202454587\/t-930-03\/\" class=\"_self pt-cv-href-thumbnail pt-cv-thumb-default\" target=\"_self\" ><\/a>\n<div class=\"pt-cv-taxoterm above_title\"><a href='https:\/\/www.dmsjuridica.com\/buscador_20179478954\/corteconstitucionalcronologico202454587\/category\/buscar-en-toda-la-corte\/2003\/tutelas-2003\/' title='Tutelas 2003' class='pt-cv-tax-tutelas-2003'>Tutelas 2003<\/a><\/div>\n<h4 class=\"pt-cv-title\"><a href=\"https:\/\/www.dmsjuridica.com\/buscador_20179478954\/corteconstitucionalcronologico202454587\/t-930-03\/\" class=\"_self\" target=\"_self\" >T-930-03<\/a><\/h4>\n<div class=\"pt-cv-content\">\u00a0 \u00a0 Sentencia T-930\/03 \u00a0 PRESUNCION DE VERACIDAD-Cuando el demandado no rinde informe solicitado por el juez \u00a0 DERECHO A LA PENSION-No puede haber demora injustificada en su reconocimiento\u00a0 \u00a0 DERECHOS FUNDAMENTALES-Vulneraci\u00f3n cuando demora en emisi\u00f3n del bono impide acceso a pensi\u00f3n de jubilaci\u00f3n \u00a0 PENSION DE JUBILACION-Emisi\u00f3n y tr\u00e1mite de bono pensional no es excusa para no reconocerla \u00a0 BONOS PENSIONALES-Pronta tramitaci\u00f3n \u00a0 Reiteraci\u00f3n de Jurisprudencia \u00a0 Referencia: expediente T-753225 \u00a0 Acci\u00f3n de tutela instaurada por Pedro Claver Echavarr\u00eda Mena contra el Instituto de Seguros Sociales. \u00a0 Magistrada Ponente: \u00a0 Dra. CLARA IN\u00c9S VARGAS HERN\u00c1NDEZ \u00a0 Bogot\u00e1, D.C., diez ...<br \/><div class=\"pt-cv-rmwrap\"><a href=\"https:\/\/www.dmsjuridica.com\/buscador_20179478954\/corteconstitucionalcronologico202454587\/t-930-03\/\" class=\"_self pt-cv-readmore btn btn-success\" target=\"_self\">Ver Sentencia Completa...<\/a><\/div><\/div><\/div><\/div>\n<div class=\"col-md-12 col-sm-12 col-xs-12 pt-cv-content-item pt-cv-1-col\" ><div class='pt-cv-ifield'><a href=\"https:\/\/www.dmsjuridica.com\/buscador_20179478954\/corteconstitucionalcronologico202454587\/t-929-03\/\" class=\"_self pt-cv-href-thumbnail pt-cv-thumb-default\" target=\"_self\" ><\/a>\n<div class=\"pt-cv-taxoterm above_title\"><a href='https:\/\/www.dmsjuridica.com\/buscador_20179478954\/corteconstitucionalcronologico202454587\/category\/buscar-en-toda-la-corte\/2003\/tutelas-2003\/' title='Tutelas 2003' class='pt-cv-tax-tutelas-2003'>Tutelas 2003<\/a><\/div>\n<h4 class=\"pt-cv-title\"><a href=\"https:\/\/www.dmsjuridica.com\/buscador_20179478954\/corteconstitucionalcronologico202454587\/t-929-03\/\" class=\"_self\" target=\"_self\" >T-929-03<\/a><\/h4>\n<div class=\"pt-cv-content\">\u00a0 \u00a0 Sentencia T-929\/03 \u00a0 DERECHO DE PETICION-Doble finalidad \u00a0 El derecho de petici\u00f3n cumple una doble finalidad, a saber: (i) permite a los interesados elevar peticiones o solicitudes respetuosas a las autoridades administrativas y, (ii) asegura mediante la imposici\u00f3n de una obligaci\u00f3n con cargo a la administraci\u00f3n, la respuesta y\/o resoluci\u00f3n de dicha petici\u00f3n de manera oportuna, eficaz, de fondo y congruente con lo pedido. \u00a0 DERECHO DE PETICION-Resoluci\u00f3n oportuna y de fondo \u00a0 DERECHO DE PETICION FRENTE AL SILENCIO ADMINISTRATIVO NEGATIVO-Debe resolver la solicitud \u00a0 DERECHO DE PETICION EN VIA GUBERNATIVA-Resoluci\u00f3n oportuna de recursos \u00a0 RECURSOS SOBRE RECONOCIMIENTO ...<br \/><div class=\"pt-cv-rmwrap\"><a href=\"https:\/\/www.dmsjuridica.com\/buscador_20179478954\/corteconstitucionalcronologico202454587\/t-929-03\/\" class=\"_self pt-cv-readmore btn btn-success\" target=\"_self\">Ver Sentencia Completa...<\/a><\/div><\/div><\/div><\/div>\n<div class=\"col-md-12 col-sm-12 col-xs-12 pt-cv-content-item pt-cv-1-col\" ><div class='pt-cv-ifield'><a href=\"https:\/\/www.dmsjuridica.com\/buscador_20179478954\/corteconstitucionalcronologico202454587\/t-928-03\/\" class=\"_self pt-cv-href-thumbnail pt-cv-thumb-default\" target=\"_self\" ><\/a>\n<div class=\"pt-cv-taxoterm above_title\"><a href='https:\/\/www.dmsjuridica.com\/buscador_20179478954\/corteconstitucionalcronologico202454587\/category\/buscar-en-toda-la-corte\/2003\/tutelas-2003\/' title='Tutelas 2003' class='pt-cv-tax-tutelas-2003'>Tutelas 2003<\/a><\/div>\n<h4 class=\"pt-cv-title\"><a href=\"https:\/\/www.dmsjuridica.com\/buscador_20179478954\/corteconstitucionalcronologico202454587\/t-928-03\/\" class=\"_self\" target=\"_self\" >T-928-03<\/a><\/h4>\n<div class=\"pt-cv-content\">\u00a0 \u00a0 Sentencia T-928\/03 \u00a0 DERECHO A LA SALUD-Fundamental por conexidad con la vida \u00a0 ACCION DE TUTELA DE UN DERECHO PRESTACIONAL-Requisitos concurrentes \u00a0 INAPLICACION DE NORMAS DEL PLAN OBLIGATORIO DE SALUD-Casos en que procede por exclusi\u00f3n de tratamientos y medicamentos de alto costo \u00a0 DERECHO A LA SALUD DE PERSONA DE LA TERCERA EDAD-Fundamental aut\u00f3nomo \u00a0 DERECHO A LA VIDA DIGNA DE PERSONA DE LA TERCERA EDAD-Suministro de medicamento para aliviar enfermedad \u00a0 DERECHO A LA SALUD Y DIGNIDAD DE PERSONA DE LA TERCERA EDAD-Suministro de medicamentos paliativos para aliviar demencia senil\u00a0 \u00a0 El derecho fundamental a la vida ...<br \/><div class=\"pt-cv-rmwrap\"><a href=\"https:\/\/www.dmsjuridica.com\/buscador_20179478954\/corteconstitucionalcronologico202454587\/t-928-03\/\" class=\"_self pt-cv-readmore btn btn-success\" target=\"_self\">Ver Sentencia Completa...<\/a><\/div><\/div><\/div><\/div>\n<div class=\"col-md-12 col-sm-12 col-xs-12 pt-cv-content-item pt-cv-1-col\" ><div class='pt-cv-ifield'><a href=\"https:\/\/www.dmsjuridica.com\/buscador_20179478954\/corteconstitucionalcronologico202454587\/t-927-03\/\" class=\"_self pt-cv-href-thumbnail pt-cv-thumb-default\" target=\"_self\" ><\/a>\n<div class=\"pt-cv-taxoterm above_title\"><a href='https:\/\/www.dmsjuridica.com\/buscador_20179478954\/corteconstitucionalcronologico202454587\/category\/buscar-en-toda-la-corte\/2003\/tutelas-2003\/' title='Tutelas 2003' class='pt-cv-tax-tutelas-2003'>Tutelas 2003<\/a><\/div>\n<h4 class=\"pt-cv-title\"><a href=\"https:\/\/www.dmsjuridica.com\/buscador_20179478954\/corteconstitucionalcronologico202454587\/t-927-03\/\" class=\"_self\" target=\"_self\" >T-927-03<\/a><\/h4>\n<div class=\"pt-cv-content\">\u00a0 \u00a0 Sentencia T-927\/03 \u00a0 DERECHO DE ASOCIACION SINDICAL-Alcance\u00a0 \u00a0 HUELGA-Prohibici\u00f3n en empresas que prestan servicios p\u00fablicos esenciales\u00a0 \u00a0 EDUCACION-Derecho y servicio p\u00fablico con funci\u00f3n social \u00a0 DERECHO DE HUELGA-Tiene protecci\u00f3n constitucional y legal\/PARO-No tiene protecci\u00f3n Constitucional ni legal \u00a0 DERECHO DE HUELGA-L\u00edmites \u00a0 HUELGA-No pago de salarios \u00a0 PRINCIPIO DE EQUIDAD EN LA HUELGA-Consecuencias o perjuicios econ\u00f3micos deben recaer en ambas partes\u00a0 \u00a0 El efecto de la huelga en el no pago de salarios responde no s\u00f3lo a razones jur\u00eddicas, sino a un principio de equidad, pues es injusto, irrazonable y desproporcionado que las consecuencias o perjuicios econ\u00f3micos que ...<br \/><div class=\"pt-cv-rmwrap\"><a href=\"https:\/\/www.dmsjuridica.com\/buscador_20179478954\/corteconstitucionalcronologico202454587\/t-927-03\/\" class=\"_self pt-cv-readmore btn btn-success\" target=\"_self\">Ver Sentencia Completa...<\/a><\/div><\/div><\/div><\/div>\n<div class=\"col-md-12 col-sm-12 col-xs-12 pt-cv-content-item pt-cv-1-col\" ><div class='pt-cv-ifield'><a href=\"https:\/\/www.dmsjuridica.com\/buscador_20179478954\/corteconstitucionalcronologico202454587\/t-926-03\/\" class=\"_self pt-cv-href-thumbnail pt-cv-thumb-default\" target=\"_self\" ><\/a>\n<div class=\"pt-cv-taxoterm above_title\"><a href='https:\/\/www.dmsjuridica.com\/buscador_20179478954\/corteconstitucionalcronologico202454587\/category\/buscar-en-toda-la-corte\/2003\/tutelas-2003\/' title='Tutelas 2003' class='pt-cv-tax-tutelas-2003'>Tutelas 2003<\/a><\/div>\n<h4 class=\"pt-cv-title\"><a href=\"https:\/\/www.dmsjuridica.com\/buscador_20179478954\/corteconstitucionalcronologico202454587\/t-926-03\/\" class=\"_self\" target=\"_self\" >T-926-03<\/a><\/h4>\n<div class=\"pt-cv-content\">\u00a0 \u00a0 Sentencia T-926\/03 \u00a0 DERECHO DE ASOCIACION SINDICAL-Alcance\u00a0 \u00a0 HUELGA-Prohibici\u00f3n en empresas que prestan servicios p\u00fablicos esenciales\u00a0 \u00a0 EDUCACION-Derecho y servicio p\u00fablico con funci\u00f3n social \u00a0 DERECHO DE HUELGA-Protecci\u00f3n constitucional y legal\/PARO-No tiene protecci\u00f3n constitucional ni legal \u00a0 DERECHO DE HUELGA-L\u00edmites \u00a0 HUELGA-No pago de salarios \u00a0 PRINCIPIO DE EQUIDAD EN LA HUELGA-Consecuencias o perjuicios econ\u00f3micos deben recaer en ambas partes\u00a0 \u00a0 El efecto de la huelga en el no pago de salarios responde no s\u00f3lo a razones jur\u00eddicas, sino a un principio de equidad, pues es injusto, irrazonable y desproporcionado que las consecuencias o perjuicios econ\u00f3micos que se ...<br \/><div class=\"pt-cv-rmwrap\"><a href=\"https:\/\/www.dmsjuridica.com\/buscador_20179478954\/corteconstitucionalcronologico202454587\/t-926-03\/\" class=\"_self pt-cv-readmore btn btn-success\" target=\"_self\">Ver Sentencia Completa...<\/a><\/div><\/div><\/div><\/div>\n<div class=\"col-md-12 col-sm-12 col-xs-12 pt-cv-content-item pt-cv-1-col\" ><div class='pt-cv-ifield'><a href=\"https:\/\/www.dmsjuridica.com\/buscador_20179478954\/corteconstitucionalcronologico202454587\/t-925-03\/\" class=\"_self pt-cv-href-thumbnail pt-cv-thumb-default\" target=\"_self\" ><\/a>\n<div class=\"pt-cv-taxoterm above_title\"><a href='https:\/\/www.dmsjuridica.com\/buscador_20179478954\/corteconstitucionalcronologico202454587\/category\/buscar-en-toda-la-corte\/2003\/tutelas-2003\/' title='Tutelas 2003' class='pt-cv-tax-tutelas-2003'>Tutelas 2003<\/a><\/div>\n<h4 class=\"pt-cv-title\"><a href=\"https:\/\/www.dmsjuridica.com\/buscador_20179478954\/corteconstitucionalcronologico202454587\/t-925-03\/\" class=\"_self\" target=\"_self\" >T-925-03<\/a><\/h4>\n<div class=\"pt-cv-content\">\u00a0 \u00a0 Sentencia T-925\/03 \u00a0 DERECHOS DEL ENFERMO DE SIDA-Protecci\u00f3n Constitucional \u00a0 DERECHO A LA SALUD DEL ENFERMO DE SIDA-Atenci\u00f3n integral y gratuita a cargo del Estado \u00a0 DERECHO A LA SALUD-Incorpora el derecho al diagn\u00f3stico \u00a0 DERECHO A LA SALUD DEL ENFERMO DE SIDA-Examen de carga viral y CD4 fundamental para tratamiento del SIDA \u00a0 DERECHO A LA SALUD DEL ENFERMO DE SIDA-No realizar el examen de carga viral impide determinar la clase de tratamiento que se puede aplicar \u00a0 De no realizarse el examen de Carga Viral, se priva al personal m\u00e9dico que atiende al paciente que padece ...<br \/><div class=\"pt-cv-rmwrap\"><a href=\"https:\/\/www.dmsjuridica.com\/buscador_20179478954\/corteconstitucionalcronologico202454587\/t-925-03\/\" class=\"_self pt-cv-readmore btn btn-success\" target=\"_self\">Ver Sentencia Completa...<\/a><\/div><\/div><\/div><\/div>\n<div class=\"col-md-12 col-sm-12 col-xs-12 pt-cv-content-item pt-cv-1-col\" ><div class='pt-cv-ifield'><a href=\"https:\/\/www.dmsjuridica.com\/buscador_20179478954\/corteconstitucionalcronologico202454587\/t-924-03\/\" class=\"_self pt-cv-href-thumbnail pt-cv-thumb-default\" target=\"_self\" ><\/a>\n<div class=\"pt-cv-taxoterm above_title\"><a href='https:\/\/www.dmsjuridica.com\/buscador_20179478954\/corteconstitucionalcronologico202454587\/category\/buscar-en-toda-la-corte\/2003\/tutelas-2003\/' title='Tutelas 2003' class='pt-cv-tax-tutelas-2003'>Tutelas 2003<\/a><\/div>\n<h4 class=\"pt-cv-title\"><a href=\"https:\/\/www.dmsjuridica.com\/buscador_20179478954\/corteconstitucionalcronologico202454587\/t-924-03\/\" class=\"_self\" target=\"_self\" >T-924-03<\/a><\/h4>\n<div class=\"pt-cv-content\">\u00a0 \u00a0 Sentencia T-924\/03 \u00a0 ACCION DE TUTELA-Informalidad \u00a0 PENSION DE JUBILACION-Objeto \u00a0 DERECHO A LA PENSION DE JUBILACION-Fundamental por conexidad \u00a0 El amparo constitucional del derecho a la seguridad social se reconoce en conexidad con derechos fundamentales. En otras palabras, el derecho a la pensi\u00f3n de jubilaci\u00f3n adquiere el car\u00e1cter de derecho fundamental si, en atenci\u00f3n a las circunstancias espec\u00edficas del caso, la falta de reconocimiento debido y oportuno pone en peligro derechos y principios fundamentales como la vida digna, la igualdad, el libre desarrollo de la personalidad o el debido proceso.\u00a0 \u00a0 VIA DE HECHO-No se reconoce la ...<br \/><div class=\"pt-cv-rmwrap\"><a href=\"https:\/\/www.dmsjuridica.com\/buscador_20179478954\/corteconstitucionalcronologico202454587\/t-924-03\/\" class=\"_self pt-cv-readmore btn btn-success\" target=\"_self\">Ver Sentencia Completa...<\/a><\/div><\/div><\/div><\/div>\n<div class=\"col-md-12 col-sm-12 col-xs-12 pt-cv-content-item pt-cv-1-col\" ><div class='pt-cv-ifield'><a href=\"https:\/\/www.dmsjuridica.com\/buscador_20179478954\/corteconstitucionalcronologico202454587\/t-923-03\/\" class=\"_self pt-cv-href-thumbnail pt-cv-thumb-default\" target=\"_self\" ><\/a>\n<div class=\"pt-cv-taxoterm above_title\"><a href='https:\/\/www.dmsjuridica.com\/buscador_20179478954\/corteconstitucionalcronologico202454587\/category\/buscar-en-toda-la-corte\/2003\/tutelas-2003\/' title='Tutelas 2003' class='pt-cv-tax-tutelas-2003'>Tutelas 2003<\/a><\/div>\n<h4 class=\"pt-cv-title\"><a href=\"https:\/\/www.dmsjuridica.com\/buscador_20179478954\/corteconstitucionalcronologico202454587\/t-923-03\/\" class=\"_self\" target=\"_self\" >T-923-03<\/a><\/h4>\n<div class=\"pt-cv-content\">\u00a0 \u00a0 Sentencia T-923\/03 \u00a0 ACCION DE TUTELA-Subsidiariedad\/ACCION DE TUTELA-Requisitos de procedibilidad \u00a0 ACCION DE TUTELA-Procedencia excepcional para reconocimiento y pago de pensiones\u00a0 \u00a0 REGIMEN DE PRIMA MEDIA CON PRESTACION DEFINIDA-Finalidad \u00a0 El sistema general de pensiones creado con la mencionada ley, prev\u00e9 dos reg\u00edmenes excluyentes entre s\u00ed, a los cuales se puede afiliar voluntariamente una persona para, cumplidos los requisitos del caso, acceder al beneficio pensional. En el primero de ellos, denominado r\u00e9gimen solidario de prima media con prestaci\u00f3n definida, el afiliado o sus beneficiarios acceden a la pensi\u00f3n de jubilaci\u00f3n (previamente definida) tras haber cumplido los requerimientos de ...<br \/><div class=\"pt-cv-rmwrap\"><a href=\"https:\/\/www.dmsjuridica.com\/buscador_20179478954\/corteconstitucionalcronologico202454587\/t-923-03\/\" class=\"_self pt-cv-readmore btn btn-success\" target=\"_self\">Ver Sentencia Completa...<\/a><\/div><\/div><\/div><\/div>\n<div class=\"col-md-12 col-sm-12 col-xs-12 pt-cv-content-item pt-cv-1-col\" ><div class='pt-cv-ifield'><a href=\"https:\/\/www.dmsjuridica.com\/buscador_20179478954\/corteconstitucionalcronologico202454587\/t-922-03\/\" class=\"_self pt-cv-href-thumbnail pt-cv-thumb-default\" target=\"_self\" ><\/a>\n<div class=\"pt-cv-taxoterm above_title\"><a href='https:\/\/www.dmsjuridica.com\/buscador_20179478954\/corteconstitucionalcronologico202454587\/category\/buscar-en-toda-la-corte\/2003\/tutelas-2003\/' title='Tutelas 2003' class='pt-cv-tax-tutelas-2003'>Tutelas 2003<\/a><\/div>\n<h4 class=\"pt-cv-title\"><a href=\"https:\/\/www.dmsjuridica.com\/buscador_20179478954\/corteconstitucionalcronologico202454587\/t-922-03\/\" class=\"_self\" target=\"_self\" >T-922-03<\/a><\/h4>\n<div class=\"pt-cv-content\">\u00a0 \u00a0 Sentencia T-922\/03 \u00a0 ACCION DE TUTELA-Procedencia excepcional por v\u00eda de hecho judicial \u00a0 VIA DE HECHO-Clases de defectos en la actuaci\u00f3n \u00a0 RESTITUCION DE INMUEBLE ARRENDADO-Se tramita por el proceso abreviado\/RESTITUCION DE INMUEBLE ARRENDADO-Para ser o\u00eddo se requiere pagar el valor total o demostrar el pago \u00a0 La demanda de restituci\u00f3n de inmueble arrendado se tramita por el procedimiento abreviado y se\u00f1ala de manera especial las reglas que rigen esa clase de procesos (art. 424). Dentro de ellas se precis\u00f3 que si la demanda se fundamenta en falta de pago, el demandado no ser\u00e1 o\u00eddo en el proceso ...<br \/><div class=\"pt-cv-rmwrap\"><a href=\"https:\/\/www.dmsjuridica.com\/buscador_20179478954\/corteconstitucionalcronologico202454587\/t-922-03\/\" class=\"_self pt-cv-readmore btn btn-success\" target=\"_self\">Ver Sentencia Completa...<\/a><\/div><\/div><\/div><\/div>\n<div class=\"col-md-12 col-sm-12 col-xs-12 pt-cv-content-item pt-cv-1-col\" ><div class='pt-cv-ifield'><a href=\"https:\/\/www.dmsjuridica.com\/buscador_20179478954\/corteconstitucionalcronologico202454587\/t-921-03\/\" class=\"_self pt-cv-href-thumbnail pt-cv-thumb-default\" target=\"_self\" ><\/a>\n<div class=\"pt-cv-taxoterm above_title\"><a href='https:\/\/www.dmsjuridica.com\/buscador_20179478954\/corteconstitucionalcronologico202454587\/category\/buscar-en-toda-la-corte\/2003\/tutelas-2003\/' title='Tutelas 2003' class='pt-cv-tax-tutelas-2003'>Tutelas 2003<\/a><\/div>\n<h4 class=\"pt-cv-title\"><a href=\"https:\/\/www.dmsjuridica.com\/buscador_20179478954\/corteconstitucionalcronologico202454587\/t-921-03\/\" class=\"_self\" target=\"_self\" >T-921-03<\/a><\/h4>\n<div class=\"pt-cv-content\">\u00a0 \u00a0 Sentencia T-921\/03 \u00a0 DERECHO A LA SALUD-Fundamental por conexidad con la vida \u00a0 DERECHO A LA SALUD-Incorpora el derecho al diagn\u00f3stico \u00a0 ENTIDAD PROMOTORA DE SALUD-Suministro de tratamiento se\u00f1alado por m\u00e9dico tratante aunque no figure en listado del POS \u00a0 INAPLICACION DE NORMAS DEL PLAN OBLIGATORIO DE SALUD-Condiciones en que procede por exclusi\u00f3n de tratamientos y medicamentos de alto costo \u00a0 JUEZ DE TUTELA-Debe acudir al dictamen del m\u00e9dico tratante\/CONFLICTO ENTRE OPINIONES MEDICAS-Prevalece la del m\u00e9dico tratante \u00a0 Dentro de las cuestiones que deben guiar al funcionario judicial para adoptar su decisi\u00f3n, existe una que reviste especial relevancia, ...<br \/><div class=\"pt-cv-rmwrap\"><a href=\"https:\/\/www.dmsjuridica.com\/buscador_20179478954\/corteconstitucionalcronologico202454587\/t-921-03\/\" class=\"_self pt-cv-readmore btn btn-success\" target=\"_self\">Ver Sentencia Completa...<\/a><\/div><\/div><\/div><\/div>\n<div class=\"col-md-12 col-sm-12 col-xs-12 pt-cv-content-item pt-cv-1-col\" ><div class='pt-cv-ifield'><a href=\"https:\/\/www.dmsjuridica.com\/buscador_20179478954\/corteconstitucionalcronologico202454587\/t-920-03\/\" class=\"_self pt-cv-href-thumbnail pt-cv-thumb-default\" target=\"_self\" ><\/a>\n<div class=\"pt-cv-taxoterm above_title\"><a href='https:\/\/www.dmsjuridica.com\/buscador_20179478954\/corteconstitucionalcronologico202454587\/category\/buscar-en-toda-la-corte\/2003\/tutelas-2003\/' title='Tutelas 2003' class='pt-cv-tax-tutelas-2003'>Tutelas 2003<\/a><\/div>\n<h4 class=\"pt-cv-title\"><a href=\"https:\/\/www.dmsjuridica.com\/buscador_20179478954\/corteconstitucionalcronologico202454587\/t-920-03\/\" class=\"_self\" target=\"_self\" >T-920-03<\/a><\/h4>\n<div class=\"pt-cv-content\">\u00a0 \u00a0 Sentencia T-920\/03 \u00a0 ESCUELA SUPERIOR DE ADMINISTRACION PUBLICA-Naturaleza jur\u00eddica\/ESCUELA SUPERIOR DE ADMINISTRACION PUBLICA-Convocatoria a especializaciones que no est\u00e1n aprobadas \u00a0 PRINCIPIO DE LA BUENA FE Y CONFIANZA LEGITIMA-Vulneraci\u00f3n por no otorgar la ESAP el t\u00edtulo de especialistas\u00a0 \u00a0 DERECHO A LA EDUCACION-Vulneraci\u00f3n por no otorgar la ESAP el t\u00edtulo de especialistas\u00a0\u00a0 \u00a0 ESCUELA SUPERIOR DE ADMINISTRACION PUBLICA-Debe otorgar los t\u00edtulos de especialistas en Finanzas p\u00fablicas \u00a0 Referencia: expedientes T-765221 y T-766368 \u00a0 \u00a0 Peticionarios: Osiris Lorena Van-Strahlen y Guillermo Chac\u00f3n \u00a0 Procedencia: Juez de Menores de Valledupar y Juzgado 2\u00b0 de Ejecuci\u00f3n de Penas de Valledupar \u00a0 Magistrado ...<br \/><div class=\"pt-cv-rmwrap\"><a href=\"https:\/\/www.dmsjuridica.com\/buscador_20179478954\/corteconstitucionalcronologico202454587\/t-920-03\/\" class=\"_self pt-cv-readmore btn btn-success\" target=\"_self\">Ver Sentencia Completa...<\/a><\/div><\/div><\/div><\/div>\n<div class=\"col-md-12 col-sm-12 col-xs-12 pt-cv-content-item pt-cv-1-col\" ><div class='pt-cv-ifield'><a href=\"https:\/\/www.dmsjuridica.com\/buscador_20179478954\/corteconstitucionalcronologico202454587\/t-919-03\/\" class=\"_self pt-cv-href-thumbnail pt-cv-thumb-default\" target=\"_self\" ><\/a>\n<div class=\"pt-cv-taxoterm above_title\"><a href='https:\/\/www.dmsjuridica.com\/buscador_20179478954\/corteconstitucionalcronologico202454587\/category\/buscar-en-toda-la-corte\/2003\/tutelas-2003\/' title='Tutelas 2003' class='pt-cv-tax-tutelas-2003'>Tutelas 2003<\/a><\/div>\n<h4 class=\"pt-cv-title\"><a href=\"https:\/\/www.dmsjuridica.com\/buscador_20179478954\/corteconstitucionalcronologico202454587\/t-919-03\/\" class=\"_self\" target=\"_self\" >T-919-03<\/a><\/h4>\n<div class=\"pt-cv-content\">\u00a0 \u00a0 {p} \u00a0 \u00a0 \u00a0 Sentencia T-919\/03 \u00a0 ACCION DE TUTELA TEMERARIA-Concepto \u00a0 ACCION DE TUTELA-Puede configurarse improcedencia con ausencia de temeridad\/JUEZ DE TUTELA-Examen detallado del proceso para determinar identidad de partes, hechos y pretensiones \u00a0 Sin embargo, la Corte ha precisado que la simple configuraci\u00f3n de improcedencia en raz\u00f3n de la presentaci\u00f3n de varias tutelas por los mismos hechos y derechos, no implica per se temeridad, por lo cual el Constituyente ha se\u00f1alado la importancia de la valoraci\u00f3n de \u00a0\u00e9sta \u00faltima con el fin de no incurrir en sanciones injustas. En este orden de ideas, partiendo de la ...<br \/><div class=\"pt-cv-rmwrap\"><a href=\"https:\/\/www.dmsjuridica.com\/buscador_20179478954\/corteconstitucionalcronologico202454587\/t-919-03\/\" class=\"_self pt-cv-readmore btn btn-success\" target=\"_self\">Ver Sentencia Completa...<\/a><\/div><\/div><\/div><\/div>\n<div class=\"col-md-12 col-sm-12 col-xs-12 pt-cv-content-item pt-cv-1-col\" ><div class='pt-cv-ifield'><a href=\"https:\/\/www.dmsjuridica.com\/buscador_20179478954\/corteconstitucionalcronologico202454587\/t-918-03\/\" class=\"_self pt-cv-href-thumbnail pt-cv-thumb-default\" target=\"_self\" ><\/a>\n<div class=\"pt-cv-taxoterm above_title\"><a href='https:\/\/www.dmsjuridica.com\/buscador_20179478954\/corteconstitucionalcronologico202454587\/category\/buscar-en-toda-la-corte\/2003\/tutelas-2003\/' title='Tutelas 2003' class='pt-cv-tax-tutelas-2003'>Tutelas 2003<\/a><\/div>\n<h4 class=\"pt-cv-title\"><a href=\"https:\/\/www.dmsjuridica.com\/buscador_20179478954\/corteconstitucionalcronologico202454587\/t-918-03\/\" class=\"_self\" target=\"_self\" >T-918-03<\/a><\/h4>\n<div class=\"pt-cv-content\">\u00a0 \u00a0 Sentencia T-918\/03 \u00a0 SISBEN-Requisitos para ser beneficiario \u00a0 SISBEN-Mecanismo para selecci\u00f3n de beneficiarios \u00a0 SISBEN-Participantes vinculados \u00a0 ACCION DE TUTELA-Continuidad en tratamiento recomendado e iniciado \u00a0 INAPLICACION DE NORMAS DEL PLAN OBLIGATORIO DE SALUD-Casos en que procede por exclusi\u00f3n de tratamientos y medicamentos de alto costo \u00a0 DERECHO A LA SALUD-Cambio de municipio no es obst\u00e1culo para continuar con el tratamiento m\u00e9dico\/SISBEN-Suministro de ox\u00edgeno a paciente que se traslad\u00f3 a otro municipio \u00a0 Quien traslada su lugar de residencia de una municipalidad a otra debe someterse al proceso previsto para los dem\u00e1s habitantes, con lo cual se pretende ...<br \/><div class=\"pt-cv-rmwrap\"><a href=\"https:\/\/www.dmsjuridica.com\/buscador_20179478954\/corteconstitucionalcronologico202454587\/t-918-03\/\" class=\"_self pt-cv-readmore btn btn-success\" target=\"_self\">Ver Sentencia Completa...<\/a><\/div><\/div><\/div><\/div>\n<div class=\"col-md-12 col-sm-12 col-xs-12 pt-cv-content-item pt-cv-1-col\" ><div class='pt-cv-ifield'><a href=\"https:\/\/www.dmsjuridica.com\/buscador_20179478954\/corteconstitucionalcronologico202454587\/t-917-03\/\" class=\"_self pt-cv-href-thumbnail pt-cv-thumb-default\" target=\"_self\" ><\/a>\n<div class=\"pt-cv-taxoterm above_title\"><a href='https:\/\/www.dmsjuridica.com\/buscador_20179478954\/corteconstitucionalcronologico202454587\/category\/buscar-en-toda-la-corte\/2003\/tutelas-2003\/' title='Tutelas 2003' class='pt-cv-tax-tutelas-2003'>Tutelas 2003<\/a><\/div>\n<h4 class=\"pt-cv-title\"><a href=\"https:\/\/www.dmsjuridica.com\/buscador_20179478954\/corteconstitucionalcronologico202454587\/t-917-03\/\" class=\"_self\" target=\"_self\" >T-917-03<\/a><\/h4>\n<div class=\"pt-cv-content\">\u00a0 \u00a0 Sentencia T-917\/03 \u00a0 \u00a0 \u00a0 ACCION DE TUTELA-Improcedencia por no ejercicio oportuno de mecanismos de defensa judicial \u00a0 ACCION DE TUTELA-Improcedencia para revivir t\u00e9rminos precluidos o actuaciones judiciales omitidas\u00a0 \u00a0 Referencia: expediente T-770.506 \u00a0 Acci\u00f3n de tutela de Mar\u00eda Yaneth D\u00edaz de D\u00edaz contra el Tribunal Superior de Ibagu\u00e9 Sala Civil - Familia.\u00a0 \u00a0 Procedencia: Corte Suprema de Justicia Sala Laboral. \u00a0 Magistrado Ponente: \u00a0 Dr. ALFREDO BELTR\u00c1N SIERRA. \u00a0 Bogot\u00e1, nueve (9) de octubre de dos mil tres (2003). \u00a0 La Sala Segunda (2a.) de Revisi\u00f3n de la Corte Constitucional, integrada por los magistrados, Alfredo Beltr\u00e1n Sierra, ...<br \/><div class=\"pt-cv-rmwrap\"><a href=\"https:\/\/www.dmsjuridica.com\/buscador_20179478954\/corteconstitucionalcronologico202454587\/t-917-03\/\" class=\"_self pt-cv-readmore btn btn-success\" target=\"_self\">Ver Sentencia Completa...<\/a><\/div><\/div><\/div><\/div>\n<div class=\"col-md-12 col-sm-12 col-xs-12 pt-cv-content-item pt-cv-1-col\" ><div class='pt-cv-ifield'><a href=\"https:\/\/www.dmsjuridica.com\/buscador_20179478954\/corteconstitucionalcronologico202454587\/t-916-03\/\" class=\"_self pt-cv-href-thumbnail pt-cv-thumb-default\" target=\"_self\" ><\/a>\n<div class=\"pt-cv-taxoterm above_title\"><a href='https:\/\/www.dmsjuridica.com\/buscador_20179478954\/corteconstitucionalcronologico202454587\/category\/buscar-en-toda-la-corte\/2003\/tutelas-2003\/' title='Tutelas 2003' class='pt-cv-tax-tutelas-2003'>Tutelas 2003<\/a><\/div>\n<h4 class=\"pt-cv-title\"><a href=\"https:\/\/www.dmsjuridica.com\/buscador_20179478954\/corteconstitucionalcronologico202454587\/t-916-03\/\" class=\"_self\" target=\"_self\" >T-916-03<\/a><\/h4>\n<div class=\"pt-cv-content\">\u00a0 \u00a0 Sentencia T-916\/03 \u00a0 PRINCIPIO DE AUTONOMIA FUNCIONAL DEL JUEZ \u00a0 JUEZ DE TUTELA-Improcedencia para pronunciarse por inconformidad de las partes con la decisi\u00f3n \u00a0 No le corresponde al juez de tutela pronunciarse sobre asuntos que no son de su resorte, como por ejemplo la valoraci\u00f3n de las pruebas, ni poner en tela de juicio los criterios que adopt\u00f3 para formarse su propia convicci\u00f3n. Debe tratarse de errores ostensibles, protuberantes y no la mera inconformidad de una de las partes con la decisi\u00f3n. \u00a0 VIA DE HECHO-El hecho que una decisi\u00f3n aluda a normas declaradas inconstitucionales no implica existencia ...<br \/><div class=\"pt-cv-rmwrap\"><a href=\"https:\/\/www.dmsjuridica.com\/buscador_20179478954\/corteconstitucionalcronologico202454587\/t-916-03\/\" class=\"_self pt-cv-readmore btn btn-success\" target=\"_self\">Ver Sentencia Completa...<\/a><\/div><\/div><\/div><\/div>\n<div class=\"col-md-12 col-sm-12 col-xs-12 pt-cv-content-item pt-cv-1-col\" ><div class='pt-cv-ifield'><a href=\"https:\/\/www.dmsjuridica.com\/buscador_20179478954\/corteconstitucionalcronologico202454587\/t-915-03\/\" class=\"_self pt-cv-href-thumbnail pt-cv-thumb-default\" target=\"_self\" ><\/a>\n<div class=\"pt-cv-taxoterm above_title\"><a href='https:\/\/www.dmsjuridica.com\/buscador_20179478954\/corteconstitucionalcronologico202454587\/category\/buscar-en-toda-la-corte\/2003\/tutelas-2003\/' title='Tutelas 2003' class='pt-cv-tax-tutelas-2003'>Tutelas 2003<\/a><\/div>\n<h4 class=\"pt-cv-title\"><a href=\"https:\/\/www.dmsjuridica.com\/buscador_20179478954\/corteconstitucionalcronologico202454587\/t-915-03\/\" class=\"_self\" target=\"_self\" >T-915-03<\/a><\/h4>\n<div class=\"pt-cv-content\">\u00a0 \u00a0 Sentencia T-915\/03 \u00a0 \u00a0 \u00a0 ACCION DE TUTELA-Improcedencia para incluir a personas en el programa de protecci\u00f3n de testigos y personas amenazadas que est\u00e1n fuera de las categor\u00edas legales \u00a0 \u00bfla situaci\u00f3n narrada en esta tutela obligaba al Ministerio del Interior y de Justicia a incluir al actor en el programa de protecci\u00f3n? La respuesta es no, pues, para la Sala resulta conforme a la ley la explicaci\u00f3n que el Ministerio suministr\u00f3 sobre las razones por las que el actor y su familia no pueden ser incluidos en el Programa de protecci\u00f3n a testigos y personas amenazadas, al ...<br \/><div class=\"pt-cv-rmwrap\"><a href=\"https:\/\/www.dmsjuridica.com\/buscador_20179478954\/corteconstitucionalcronologico202454587\/t-915-03\/\" class=\"_self pt-cv-readmore btn btn-success\" target=\"_self\">Ver Sentencia Completa...<\/a><\/div><\/div><\/div><\/div>\n<div class=\"col-md-12 col-sm-12 col-xs-12 pt-cv-content-item pt-cv-1-col\" ><div class='pt-cv-ifield'><a href=\"https:\/\/www.dmsjuridica.com\/buscador_20179478954\/corteconstitucionalcronologico202454587\/t-914-03\/\" class=\"_self pt-cv-href-thumbnail pt-cv-thumb-default\" target=\"_self\" ><\/a>\n<div class=\"pt-cv-taxoterm above_title\"><a href='https:\/\/www.dmsjuridica.com\/buscador_20179478954\/corteconstitucionalcronologico202454587\/category\/buscar-en-toda-la-corte\/2003\/tutelas-2003\/' title='Tutelas 2003' class='pt-cv-tax-tutelas-2003'>Tutelas 2003<\/a><\/div>\n<h4 class=\"pt-cv-title\"><a href=\"https:\/\/www.dmsjuridica.com\/buscador_20179478954\/corteconstitucionalcronologico202454587\/t-914-03\/\" class=\"_self\" target=\"_self\" >T-914-03<\/a><\/h4>\n<div class=\"pt-cv-content\">\u00a0 \u00a0 Sentencia T-914\/03 \u00a0 DERECHO DE PETICION PARA RESOLVER SOBRE RECONOCIMIENTO Y PAGO DE PENSIONES-T\u00e9rmino de cuatro meses\u00a0 \u00a0 PENSION DE JUBILACION-T\u00e9rmino de seis meses para tr\u00e1mite y pago\u00a0 \u00a0 INTERPOSICION DE RECURSOS EN TRAMITE ADMINISTRATIVO-T\u00e9rmino de quince d\u00edas para resolver\u00a0 \u00a0 DERECHO DE PETICION-T\u00e9rmino de quince d\u00edas para responder sobre tr\u00e1mite o copias en materia de pensiones \u00a0 El t\u00e9rmino de 15 d\u00edas, consagrado en el art\u00edculo 6\u00ba del C\u00f3digo Contencioso Administrativo, se aplica tambi\u00e9n en caso de que se presenten derechos de petici\u00f3n en los cuales se solicite, simplemente, informaci\u00f3n acerca del estado del tr\u00e1mite adelantado en ...<br \/><div class=\"pt-cv-rmwrap\"><a href=\"https:\/\/www.dmsjuridica.com\/buscador_20179478954\/corteconstitucionalcronologico202454587\/t-914-03\/\" class=\"_self pt-cv-readmore btn btn-success\" target=\"_self\">Ver Sentencia Completa...<\/a><\/div><\/div><\/div><\/div>\n<div class=\"col-md-12 col-sm-12 col-xs-12 pt-cv-content-item pt-cv-1-col\" ><div class='pt-cv-ifield'><a href=\"https:\/\/www.dmsjuridica.com\/buscador_20179478954\/corteconstitucionalcronologico202454587\/t-912-03\/\" class=\"_self pt-cv-href-thumbnail pt-cv-thumb-default\" target=\"_self\" ><\/a>\n<div class=\"pt-cv-taxoterm above_title\"><a href='https:\/\/www.dmsjuridica.com\/buscador_20179478954\/corteconstitucionalcronologico202454587\/category\/buscar-en-toda-la-corte\/2003\/tutelas-2003\/' title='Tutelas 2003' class='pt-cv-tax-tutelas-2003'>Tutelas 2003<\/a><\/div>\n<h4 class=\"pt-cv-title\"><a href=\"https:\/\/www.dmsjuridica.com\/buscador_20179478954\/corteconstitucionalcronologico202454587\/t-912-03\/\" class=\"_self\" target=\"_self\" >T-912-03<\/a><\/h4>\n<div class=\"pt-cv-content\">\u00a0 \u00a0 Sentencia T-912\/03 \u00a0 DERECHO DE PETICION-Alcance\/DERECHO DE PETICION-Requisitos de la respuesta \u00a0 ENTIDADES TERRITORIALES-Competencia para inscripci\u00f3n y ascenso en el escalaf\u00f3n docente\/CARRERA DOCENTE-Antecedentes normativos para inscripci\u00f3n y ascenso en el escalaf\u00f3n \u00a0 ENTIDADES TERRITORIALES-Administraci\u00f3n y vigilancia de la carrera docente \u00a0 DERECHO DE PETICION-Vulneraci\u00f3n por falta de respuesta de fondo clara y precisa sobre ascenso en el escalaf\u00f3n docente \u00a0 DERECHO DE PETICION-La informaci\u00f3n sobre excepci\u00f3n de nueva ley no satisface lo pedido \u00a0 DERECHO DE PETICION-No constituye respuesta a informaci\u00f3n suministrada al juez de tutela \u00a0 Reiteraci\u00f3n de Jurisprudencia \u00a0 Referencia: expediente T-754452 \u00a0 Acci\u00f3n de tutela ...<br \/><div class=\"pt-cv-rmwrap\"><a href=\"https:\/\/www.dmsjuridica.com\/buscador_20179478954\/corteconstitucionalcronologico202454587\/t-912-03\/\" class=\"_self pt-cv-readmore btn btn-success\" target=\"_self\">Ver Sentencia Completa...<\/a><\/div><\/div><\/div><\/div>\n<div class=\"col-md-12 col-sm-12 col-xs-12 pt-cv-content-item pt-cv-1-col\" ><div class='pt-cv-ifield'><a href=\"https:\/\/www.dmsjuridica.com\/buscador_20179478954\/corteconstitucionalcronologico202454587\/t-911-03\/\" class=\"_self pt-cv-href-thumbnail pt-cv-thumb-default\" target=\"_self\" ><\/a>\n<div class=\"pt-cv-taxoterm above_title\"><a href='https:\/\/www.dmsjuridica.com\/buscador_20179478954\/corteconstitucionalcronologico202454587\/category\/buscar-en-toda-la-corte\/2003\/tutelas-2003\/' title='Tutelas 2003' class='pt-cv-tax-tutelas-2003'>Tutelas 2003<\/a><\/div>\n<h4 class=\"pt-cv-title\"><a href=\"https:\/\/www.dmsjuridica.com\/buscador_20179478954\/corteconstitucionalcronologico202454587\/t-911-03\/\" class=\"_self\" target=\"_self\" >T-911-03<\/a><\/h4>\n<div class=\"pt-cv-content\">\u00a0 \u00a0 Sentencia T-911\/03 \u00a0 INFORMES EN TUTELA-Presunci\u00f3n de veracidad sobre los hechos \u00a0 DERECHO A LA SALUD-Incorpora el derecho al diagn\u00f3stico \u00a0 ENTIDAD DE SEGURIDAD SOCIAL-Negligencia por no practicar oportuna y satisfactoriamente ex\u00e1menes prescritos por el m\u00e9dico tratante\u00a0 \u00a0 \u201cLa entidad de seguridad social es responsable por negligencia, si no practica en forma oportuna y satisfactoria los ex\u00e1menes que sus propios m\u00e9dicos hayan ordenado. Sobre la base de su incumplimiento -que significa en realidad violaci\u00f3n o amenaza de derechos fundamentales, seg\u00fan el caso-, no puede culpar a aqu\u00e9llos por las deficiencias que acuse la prestaci\u00f3n del servicio, ni le ...<br \/><div class=\"pt-cv-rmwrap\"><a href=\"https:\/\/www.dmsjuridica.com\/buscador_20179478954\/corteconstitucionalcronologico202454587\/t-911-03\/\" class=\"_self pt-cv-readmore btn btn-success\" target=\"_self\">Ver Sentencia Completa...<\/a><\/div><\/div><\/div><\/div>\n<div class=\"col-md-12 col-sm-12 col-xs-12 pt-cv-content-item pt-cv-1-col\" ><div class='pt-cv-ifield'><a href=\"https:\/\/www.dmsjuridica.com\/buscador_20179478954\/corteconstitucionalcronologico202454587\/t-910-03\/\" class=\"_self pt-cv-href-thumbnail pt-cv-thumb-default\" target=\"_self\" ><\/a>\n<div class=\"pt-cv-taxoterm above_title\"><a href='https:\/\/www.dmsjuridica.com\/buscador_20179478954\/corteconstitucionalcronologico202454587\/category\/buscar-en-toda-la-corte\/2003\/tutelas-2003\/' title='Tutelas 2003' class='pt-cv-tax-tutelas-2003'>Tutelas 2003<\/a><\/div>\n<h4 class=\"pt-cv-title\"><a href=\"https:\/\/www.dmsjuridica.com\/buscador_20179478954\/corteconstitucionalcronologico202454587\/t-910-03\/\" class=\"_self\" target=\"_self\" >T-910-03<\/a><\/h4>\n<div class=\"pt-cv-content\">\u00a0 \u00a0 Sentencia T-910\/03 \u00a0 ACCION DE TUTELA-Procedencia excepcional pago de mesadas pensionales \u00a0 DERECHO AL MINIMO VITAL DEL PENSIONADO-Pago oportuno de mesadas\u00a0 \u00a0 PRINCIPIO DE DIGNIDAD HUMANA DEL PENSIONADO-Pago oportuno de mesadas \u00a0 DERECHO AL MINIMO VITAL-Requisitos para acreditar vulneraci\u00f3n \u00a0 \u00a0 Reiteraci\u00f3n de Jurisprudencia \u00a0 Referencia: expediente T-752796 \u00a0 Acci\u00f3n de tutela instaurada por Ana Rita Le\u00f3n de Mu\u00f1oz contra el Hospital San Juan de Dios de San Gil, el Departamento de Santander y el Ministerio de Hacienda y Cr\u00e9dito P\u00fablico. \u00a0 Magistrado Ponente: \u00a0 Dr. JAIME ARAUJO RENTER\u00cdA \u00a0 Bogot\u00e1, D.C., ocho (8) de octubre de dos ...<br \/><div class=\"pt-cv-rmwrap\"><a href=\"https:\/\/www.dmsjuridica.com\/buscador_20179478954\/corteconstitucionalcronologico202454587\/t-910-03\/\" class=\"_self pt-cv-readmore btn btn-success\" target=\"_self\">Ver Sentencia Completa...<\/a><\/div><\/div><\/div><\/div>\n<div class=\"col-md-12 col-sm-12 col-xs-12 pt-cv-content-item pt-cv-1-col\" ><div class='pt-cv-ifield'><a href=\"https:\/\/www.dmsjuridica.com\/buscador_20179478954\/corteconstitucionalcronologico202454587\/t-909-03\/\" class=\"_self pt-cv-href-thumbnail pt-cv-thumb-default\" target=\"_self\" ><\/a>\n<div class=\"pt-cv-taxoterm above_title\"><a href='https:\/\/www.dmsjuridica.com\/buscador_20179478954\/corteconstitucionalcronologico202454587\/category\/buscar-en-toda-la-corte\/2003\/tutelas-2003\/' title='Tutelas 2003' class='pt-cv-tax-tutelas-2003'>Tutelas 2003<\/a><\/div>\n<h4 class=\"pt-cv-title\"><a href=\"https:\/\/www.dmsjuridica.com\/buscador_20179478954\/corteconstitucionalcronologico202454587\/t-909-03\/\" class=\"_self\" target=\"_self\" >T-909-03<\/a><\/h4>\n<div class=\"pt-cv-content\">\u00a0 \u00a0 Sentencia T-909\/03 \u00a0 DERECHO A LA EDUCACION-Prohibici\u00f3n retenci\u00f3n certificado de estudios por no pago de pensi\u00f3n\/DERECHO A LA EDUCACION-No pago de pensi\u00f3n por dif\u00edcil situaci\u00f3n econ\u00f3mica \u00a0 ESTABLECIMIENTO EDUCATIVO-Entrega de notas y certificados sin que se releve a los padres del pago de sus obligaciones econ\u00f3micas \u00a0 Reiteraci\u00f3n de Jurisprudencia \u00a0 Referencia; expediente T-762022 \u00a0 Acci\u00f3n de tutela instaurada por Jorge Tadeo Collazos contra el Colegio Sindicato Acer\u00edas Belencito de la ciudad de Duitama. \u00a0 Magistrado Ponente: \u00a0 Dr. RODRIGO ESCOBAR GIL \u00a0 Bogot\u00e1, D. C., ocho (8) de octubre dos mil tres (2003). \u00a0 La Sala Quinta ...<br \/><div class=\"pt-cv-rmwrap\"><a href=\"https:\/\/www.dmsjuridica.com\/buscador_20179478954\/corteconstitucionalcronologico202454587\/t-909-03\/\" class=\"_self pt-cv-readmore btn btn-success\" target=\"_self\">Ver Sentencia Completa...<\/a><\/div><\/div><\/div><\/div>\n<div class=\"col-md-12 col-sm-12 col-xs-12 pt-cv-content-item pt-cv-1-col\" ><div class='pt-cv-ifield'><a href=\"https:\/\/www.dmsjuridica.com\/buscador_20179478954\/corteconstitucionalcronologico202454587\/t-908-03\/\" class=\"_self pt-cv-href-thumbnail pt-cv-thumb-default\" target=\"_self\" ><\/a>\n<div class=\"pt-cv-taxoterm above_title\"><a href='https:\/\/www.dmsjuridica.com\/buscador_20179478954\/corteconstitucionalcronologico202454587\/category\/buscar-en-toda-la-corte\/2003\/tutelas-2003\/' title='Tutelas 2003' class='pt-cv-tax-tutelas-2003'>Tutelas 2003<\/a><\/div>\n<h4 class=\"pt-cv-title\"><a href=\"https:\/\/www.dmsjuridica.com\/buscador_20179478954\/corteconstitucionalcronologico202454587\/t-908-03\/\" class=\"_self\" target=\"_self\" >T-908-03<\/a><\/h4>\n<div class=\"pt-cv-content\">\u00a0 \u00a0 Sentencia T-908\/03 \u00a0 DERECHO DE PETICION-Resoluci\u00f3n oportuna y de fondo \u00a0 ACCION DE TUTELA-Hecho superado por cuanto ya se recibi\u00f3 respuesta a la petici\u00f3n \u00a0 Reiteraci\u00f3n de Jurisprudencia \u00a0 Referencia: expediente T-768363 \u00a0 Acci\u00f3n de tutela instaurada por Jos\u00e9 Freddy Arango Agudelo contra el Instituto de Seguros Sociales. \u00a0 Magistrado Ponente: \u00a0 Dr. RODRIGO ESCOBAR GIL \u00a0 Bogot\u00e1, D. C., ocho (8) de octubre de dos mil tres (2003). \u00a0 La Sala Quinta de Revisi\u00f3n de la Corte Constitucional, en ejercicio de sus competencias constitucionales y legales, en particular las contenidas en los art\u00edculos 86 y 241, numeral ...<br \/><div class=\"pt-cv-rmwrap\"><a href=\"https:\/\/www.dmsjuridica.com\/buscador_20179478954\/corteconstitucionalcronologico202454587\/t-908-03\/\" class=\"_self pt-cv-readmore btn btn-success\" target=\"_self\">Ver Sentencia Completa...<\/a><\/div><\/div><\/div><\/div>\n<div class=\"col-md-12 col-sm-12 col-xs-12 pt-cv-content-item pt-cv-1-col\" ><div class='pt-cv-ifield'><a href=\"https:\/\/www.dmsjuridica.com\/buscador_20179478954\/corteconstitucionalcronologico202454587\/t-907-03\/\" class=\"_self pt-cv-href-thumbnail pt-cv-thumb-default\" target=\"_self\" ><\/a>\n<div class=\"pt-cv-taxoterm above_title\"><a href='https:\/\/www.dmsjuridica.com\/buscador_20179478954\/corteconstitucionalcronologico202454587\/category\/buscar-en-toda-la-corte\/2003\/tutelas-2003\/' title='Tutelas 2003' class='pt-cv-tax-tutelas-2003'>Tutelas 2003<\/a><\/div>\n<h4 class=\"pt-cv-title\"><a href=\"https:\/\/www.dmsjuridica.com\/buscador_20179478954\/corteconstitucionalcronologico202454587\/t-907-03\/\" class=\"_self\" target=\"_self\" >T-907-03<\/a><\/h4>\n<div class=\"pt-cv-content\">\u00a0 \u00a0 Sentencia T-907\/03 \u00a0 DERECHO DE PETICION-Fundamental\/DERECHO DE PETICION-Respuesta de fondo, clara y precisa \u00a0 ACCION DE TUTELA-Hecho superado por cuanto ya se recibi\u00f3 respuesta a la petici\u00f3n \u00a0 Reiteraci\u00f3n de Jurisprudencia \u00a0 Referencia: expediente T-763830 \u00a0 Acci\u00f3n de tutela instaurada por Lilian de Jes\u00fas Saldarriaga Mar\u00edn contra el Instituto de Seguro Social. \u00a0 Magistrado Ponente: \u00a0 Dr. RODRIGO ESCOBAR GIL \u00a0 Bogot\u00e1 D. C., ocho (8) de octubre dos mil tres (2003). \u00a0 La Sala Quinta de Revisi\u00f3n de la Corte Constitucional, en ejercicio de sus competencias constitucionales y legales, en particular las contenidas en los art\u00edculos 86 ...<br \/><div class=\"pt-cv-rmwrap\"><a href=\"https:\/\/www.dmsjuridica.com\/buscador_20179478954\/corteconstitucionalcronologico202454587\/t-907-03\/\" class=\"_self pt-cv-readmore btn btn-success\" target=\"_self\">Ver Sentencia Completa...<\/a><\/div><\/div><\/div><\/div>\n<div class=\"col-md-12 col-sm-12 col-xs-12 pt-cv-content-item pt-cv-1-col\" ><div class='pt-cv-ifield'><a href=\"https:\/\/www.dmsjuridica.com\/buscador_20179478954\/corteconstitucionalcronologico202454587\/t-906-03\/\" class=\"_self pt-cv-href-thumbnail pt-cv-thumb-default\" target=\"_self\" ><\/a>\n<div class=\"pt-cv-taxoterm above_title\"><a href='https:\/\/www.dmsjuridica.com\/buscador_20179478954\/corteconstitucionalcronologico202454587\/category\/buscar-en-toda-la-corte\/2003\/tutelas-2003\/' title='Tutelas 2003' class='pt-cv-tax-tutelas-2003'>Tutelas 2003<\/a><\/div>\n<h4 class=\"pt-cv-title\"><a href=\"https:\/\/www.dmsjuridica.com\/buscador_20179478954\/corteconstitucionalcronologico202454587\/t-906-03\/\" class=\"_self\" target=\"_self\" >T-906-03<\/a><\/h4>\n<div class=\"pt-cv-content\">\u00a0 \u00a0 Sentencia T-906\/03 \u00a0 LEGITIMACION POR ACTIVA EN TUTELA-Alcance\u00a0 \u00a0 AGENCIA OFICIOSA EN TUTELA-Presupuestos \u00a0 FALTA DE LEGITIMACION POR ACTIVA EN TUTELA-Demandante no es titular del derecho\/FALTA DE LEGITIMACION POR ACTIVA EN TUTELA-No se cumplen los presupuestos de la agencia oficiosa\u00a0 \u00a0 Reiteraci\u00f3n de Jurisprudencia \u00a0 Referencia: expediente T-762544 \u00a0 Acci\u00f3n de tutela instaurada por Luis Felipe Aguilar como agente oficioso del se\u00f1or Arbey Casta\u00f1eda contra el Instituto de Seguros Sociales. \u00a0 Magistrado Ponente: \u00a0 Dr. RODRIGO ESCOBAR GIL \u00a0 Bogot\u00e1, D. C., ocho (8) de octubre de dos mil tres (2003). \u00a0 La Sala Quinta de Revisi\u00f3n de ...<br \/><div class=\"pt-cv-rmwrap\"><a href=\"https:\/\/www.dmsjuridica.com\/buscador_20179478954\/corteconstitucionalcronologico202454587\/t-906-03\/\" class=\"_self pt-cv-readmore btn btn-success\" target=\"_self\">Ver Sentencia Completa...<\/a><\/div><\/div><\/div><\/div>\n<div class=\"col-md-12 col-sm-12 col-xs-12 pt-cv-content-item pt-cv-1-col\" ><div class='pt-cv-ifield'><a href=\"https:\/\/www.dmsjuridica.com\/buscador_20179478954\/corteconstitucionalcronologico202454587\/t-905-03\/\" class=\"_self pt-cv-href-thumbnail pt-cv-thumb-default\" target=\"_self\" ><\/a>\n<div class=\"pt-cv-taxoterm above_title\"><a href='https:\/\/www.dmsjuridica.com\/buscador_20179478954\/corteconstitucionalcronologico202454587\/category\/buscar-en-toda-la-corte\/2003\/tutelas-2003\/' title='Tutelas 2003' class='pt-cv-tax-tutelas-2003'>Tutelas 2003<\/a><\/div>\n<h4 class=\"pt-cv-title\"><a href=\"https:\/\/www.dmsjuridica.com\/buscador_20179478954\/corteconstitucionalcronologico202454587\/t-905-03\/\" class=\"_self\" target=\"_self\" >T-905-03<\/a><\/h4>\n<div class=\"pt-cv-content\">\u00a0 \u00a0 Sentencia T-905\/03 \u00a0 ACCION DE TUTELA-Procedencia excepcional pago de mesadas pensionales atrasadas\/DERECHO AL MINIMO VITAL DEL PENSIONADO-Pago oportuno de mesadas \u00a0 Reiteraci\u00f3n de Jurisprudencia \u00a0 Referencia: expediente T-758233 \u00a0 Acci\u00f3n de tutela instaurada por Ronulfo Antonio Munive Yanes, Daniel Domingo Garc\u00eda, Alfredo Segundo Gonz\u00e1lez Garc\u00eda, Juana Elena Pe\u00f1a G\u00f3mez y Mar\u00eda Cristina Jacobs de Yacomelo contra el Distrito Tur\u00edstico, Cultural e Hist\u00f3rico \u00a0de Santa Marta y el Fondo Distrital de Pensiones P\u00fablicas de Santa Marta. \u00a0 Magistrado Ponente: \u00a0 Dr. RODRIGO ESCOBAR GIL \u00a0 Bogot\u00e1, D. C., ocho (8) de octubre dos mil tres (2003). \u00a0 La Sala ...<br \/><div class=\"pt-cv-rmwrap\"><a href=\"https:\/\/www.dmsjuridica.com\/buscador_20179478954\/corteconstitucionalcronologico202454587\/t-905-03\/\" class=\"_self pt-cv-readmore btn btn-success\" target=\"_self\">Ver Sentencia Completa...<\/a><\/div><\/div><\/div><\/div>\n<div class=\"col-md-12 col-sm-12 col-xs-12 pt-cv-content-item pt-cv-1-col\" ><div class='pt-cv-ifield'><a href=\"https:\/\/www.dmsjuridica.com\/buscador_20179478954\/corteconstitucionalcronologico202454587\/t-904-03\/\" class=\"_self pt-cv-href-thumbnail pt-cv-thumb-default\" target=\"_self\" ><\/a>\n<div class=\"pt-cv-taxoterm above_title\"><a href='https:\/\/www.dmsjuridica.com\/buscador_20179478954\/corteconstitucionalcronologico202454587\/category\/buscar-en-toda-la-corte\/2003\/tutelas-2003\/' title='Tutelas 2003' class='pt-cv-tax-tutelas-2003'>Tutelas 2003<\/a><\/div>\n<h4 class=\"pt-cv-title\"><a href=\"https:\/\/www.dmsjuridica.com\/buscador_20179478954\/corteconstitucionalcronologico202454587\/t-904-03\/\" class=\"_self\" target=\"_self\" >T-904-03<\/a><\/h4>\n<div class=\"pt-cv-content\">\u00a0 \u00a0 Sentencia T-904\/03 \u00a0 LICENCIA DE MATERNIDAD-Procedencia excepcional de tutela para el pago \u00a0 LICENCIA DE MATERNIDAD-Reconocimiento y pago por tutela por vulneraci\u00f3n del m\u00ednimo vital de la madre y el hijo \u00a0 \u00a0La procedencia de la acci\u00f3n de tutela para obtener el reconocimiento y pago de una licencia de maternidad, se encuentra condicionada a que con ello se afecte o ponga en peligro el m\u00ednimo vital de la madre y\/o su hijo. Ello ocurre sin duda, cuando durante el per\u00edodo que dura la licencia, se priva a la madre de los recursos que le pueden permitir solventar sus ...<br \/><div class=\"pt-cv-rmwrap\"><a href=\"https:\/\/www.dmsjuridica.com\/buscador_20179478954\/corteconstitucionalcronologico202454587\/t-904-03\/\" class=\"_self pt-cv-readmore btn btn-success\" target=\"_self\">Ver Sentencia Completa...<\/a><\/div><\/div><\/div><\/div>\n<div class=\"col-md-12 col-sm-12 col-xs-12 pt-cv-content-item pt-cv-1-col\" ><div class='pt-cv-ifield'><a href=\"https:\/\/www.dmsjuridica.com\/buscador_20179478954\/corteconstitucionalcronologico202454587\/t-903-03\/\" class=\"_self pt-cv-href-thumbnail pt-cv-thumb-default\" target=\"_self\" ><\/a>\n<div class=\"pt-cv-taxoterm above_title\"><a href='https:\/\/www.dmsjuridica.com\/buscador_20179478954\/corteconstitucionalcronologico202454587\/category\/buscar-en-toda-la-corte\/2003\/tutelas-2003\/' title='Tutelas 2003' class='pt-cv-tax-tutelas-2003'>Tutelas 2003<\/a><\/div>\n<h4 class=\"pt-cv-title\"><a href=\"https:\/\/www.dmsjuridica.com\/buscador_20179478954\/corteconstitucionalcronologico202454587\/t-903-03\/\" class=\"_self\" target=\"_self\" >T-903-03<\/a><\/h4>\n<div class=\"pt-cv-content\">\u00a0 \u00a0 Sentencia T-903\/03 \u00a0 PENSION DE SOBREVIVIENTES-Beneficiario estudiante debe presentar certificado expedido por establecimiento de educaci\u00f3n formal \u00a0 El art\u00edculo 15 de la ley 100\/93 exige que la certificaci\u00f3n que se aporte por el beneficiario a efectos de acreditar la calidad de estudiante, debe ser expedida necesariamente por un establecimiento de educaci\u00f3n formal b\u00e1sica, media o superior, aprobado por el Ministerio de Educaci\u00f3n, presupuesto sine qua non para conceder el derecho al reconocimiento y pago de la pensi\u00f3n de sobrevivientes. \u00a0 DERECHO A LA EDUCACION-Fundamental \u00a0 DERECHO A LA EDUCACION-Protecci\u00f3n frente a todos los \u00e1mbitos del sistema educativo\/EDUCACION NO ...<br \/><div class=\"pt-cv-rmwrap\"><a href=\"https:\/\/www.dmsjuridica.com\/buscador_20179478954\/corteconstitucionalcronologico202454587\/t-903-03\/\" class=\"_self pt-cv-readmore btn btn-success\" target=\"_self\">Ver Sentencia Completa...<\/a><\/div><\/div><\/div><\/div>\n<div class=\"col-md-12 col-sm-12 col-xs-12 pt-cv-content-item pt-cv-1-col\" ><div class='pt-cv-ifield'><a href=\"https:\/\/www.dmsjuridica.com\/buscador_20179478954\/corteconstitucionalcronologico202454587\/t-891-03\/\" class=\"_self pt-cv-href-thumbnail pt-cv-thumb-default\" target=\"_self\" ><\/a>\n<div class=\"pt-cv-taxoterm above_title\"><a href='https:\/\/www.dmsjuridica.com\/buscador_20179478954\/corteconstitucionalcronologico202454587\/category\/buscar-en-toda-la-corte\/2003\/tutelas-2003\/' title='Tutelas 2003' class='pt-cv-tax-tutelas-2003'>Tutelas 2003<\/a><\/div>\n<h4 class=\"pt-cv-title\"><a href=\"https:\/\/www.dmsjuridica.com\/buscador_20179478954\/corteconstitucionalcronologico202454587\/t-891-03\/\" class=\"_self\" target=\"_self\" >T-891-03<\/a><\/h4>\n<div class=\"pt-cv-content\">\u00a0 \u00a0 MEDIO DE DEFENSA JUDICIAL-Restituci\u00f3n internacional de menores \u00a0 En la actualidad existe en Colombia un mecanismo, previsto en un tratado internacional orientado espec\u00edfica y exclusivamente a obtener la restituci\u00f3n de un menor a su lugar de residencia en un Estado determinado cuando de manera il\u00edcita ha sido sustra\u00eddo del mismo por uno de los padres. En efecto, el Convenio sobre Aspectos Civiles del Secuestro Internacional de Ni\u00f1os,\u00a0 est\u00e1 orientado a \u201cproteger a los ni\u00f1os en el plano internacional contra los efectos da\u00f1inos de un traslado o no regreso il\u00edcitos\u201d, y a \u201cfijar procedimientos con el fin de garantizar ...<br \/><div class=\"pt-cv-rmwrap\"><a href=\"https:\/\/www.dmsjuridica.com\/buscador_20179478954\/corteconstitucionalcronologico202454587\/t-891-03\/\" class=\"_self pt-cv-readmore btn btn-success\" target=\"_self\">Ver Sentencia Completa...<\/a><\/div><\/div><\/div><\/div>\n<div class=\"col-md-12 col-sm-12 col-xs-12 pt-cv-content-item pt-cv-1-col\" ><div class='pt-cv-ifield'><a href=\"https:\/\/www.dmsjuridica.com\/buscador_20179478954\/corteconstitucionalcronologico202454587\/t-890-03\/\" class=\"_self pt-cv-href-thumbnail pt-cv-thumb-default\" target=\"_self\" ><\/a>\n<div class=\"pt-cv-taxoterm above_title\"><a href='https:\/\/www.dmsjuridica.com\/buscador_20179478954\/corteconstitucionalcronologico202454587\/category\/buscar-en-toda-la-corte\/2003\/tutelas-2003\/' title='Tutelas 2003' class='pt-cv-tax-tutelas-2003'>Tutelas 2003<\/a><\/div>\n<h4 class=\"pt-cv-title\"><a href=\"https:\/\/www.dmsjuridica.com\/buscador_20179478954\/corteconstitucionalcronologico202454587\/t-890-03\/\" class=\"_self\" target=\"_self\" >T-890-03<\/a><\/h4>\n<div class=\"pt-cv-content\">\u00a0 \u00a0 Sentencia T-890\/03 \u00a0 ACCION DE TUTELA-Inclusi\u00f3n en n\u00f3mina para pago de pensi\u00f3n de jubilaci\u00f3n \u00a0 CAJA NACIONAL DE PREVISION SOCIAL-Acto de inclusi\u00f3n en n\u00f3mina para pago de pensi\u00f3n de jubilaci\u00f3n \u00a0 Referencia: expediente T-764055 \u00a0 Acci\u00f3n de tutela instaurada por Arist\u00f3bulo Qui\u00f1onez contra la Caja Nacional de Previsi\u00f3n Social CAJANAL. \u00a0 Magistrado Ponente: \u00a0 Dr. MANUEL JOS\u00c9 CEPEDA ESPINOSA \u00a0 Bogot\u00e1, D.C., dos (2) de octubre de dos mil tres (2003). \u00a0 Esta Sala de Revisi\u00f3n advierte que, por tratarse en este caso de una sentencia de reiteraci\u00f3n, proceder\u00e1 a justificar su decisi\u00f3n brevemente, de conformidad con lo ...<br \/><div class=\"pt-cv-rmwrap\"><a href=\"https:\/\/www.dmsjuridica.com\/buscador_20179478954\/corteconstitucionalcronologico202454587\/t-890-03\/\" class=\"_self pt-cv-readmore btn btn-success\" target=\"_self\">Ver Sentencia Completa...<\/a><\/div><\/div><\/div><\/div>\n<div class=\"col-md-12 col-sm-12 col-xs-12 pt-cv-content-item pt-cv-1-col\" ><div class='pt-cv-ifield'><a href=\"https:\/\/www.dmsjuridica.com\/buscador_20179478954\/corteconstitucionalcronologico202454587\/t-889-03\/\" class=\"_self pt-cv-href-thumbnail pt-cv-thumb-default\" target=\"_self\" ><\/a>\n<div class=\"pt-cv-taxoterm above_title\"><a href='https:\/\/www.dmsjuridica.com\/buscador_20179478954\/corteconstitucionalcronologico202454587\/category\/buscar-en-toda-la-corte\/2003\/tutelas-2003\/' title='Tutelas 2003' class='pt-cv-tax-tutelas-2003'>Tutelas 2003<\/a><\/div>\n<h4 class=\"pt-cv-title\"><a href=\"https:\/\/www.dmsjuridica.com\/buscador_20179478954\/corteconstitucionalcronologico202454587\/t-889-03\/\" class=\"_self\" target=\"_self\" >T-889-03<\/a><\/h4>\n<div class=\"pt-cv-content\">\u00a0 \u00a0 Sentencia T-889\/03 \u00a0 SENTENCIA DE CONSTITUCIONALIDAD-Fuerza vinculante\/PRECEDENTE JUDICIAL-Aplicaci\u00f3n tutela contra providencias judiciales \u00a0 Las distintas Salas de Revisi\u00f3n de la Corte Constitucional, atendiendo a la fuerza vinculante de los fallos de constitucionalidad erga omnes, decide entonces aplicar en los casos concretos el precedente establecido por la Sala Plena en la sentencia C-543 de 1992. Por lo tanto, coincide parcialmente esta Sala de Revisi\u00f3n de la Corte Constitucional con la Sala de Casaci\u00f3n Laboral en reconocer la obligatoriedad que tienen en el sistema jur\u00eddico colombiano las sentencias de constitucionalidad, espec\u00edficamente la sentencia C-543 de 1992, pero no comparte el ...<br \/><div class=\"pt-cv-rmwrap\"><a href=\"https:\/\/www.dmsjuridica.com\/buscador_20179478954\/corteconstitucionalcronologico202454587\/t-889-03\/\" class=\"_self pt-cv-readmore btn btn-success\" target=\"_self\">Ver Sentencia Completa...<\/a><\/div><\/div><\/div><\/div>\n<div class=\"col-md-12 col-sm-12 col-xs-12 pt-cv-content-item pt-cv-1-col\" ><div class='pt-cv-ifield'><a href=\"https:\/\/www.dmsjuridica.com\/buscador_20179478954\/corteconstitucionalcronologico202454587\/t-888-03\/\" class=\"_self pt-cv-href-thumbnail pt-cv-thumb-default\" target=\"_self\" ><\/a>\n<div class=\"pt-cv-taxoterm above_title\"><a href='https:\/\/www.dmsjuridica.com\/buscador_20179478954\/corteconstitucionalcronologico202454587\/category\/buscar-en-toda-la-corte\/2003\/tutelas-2003\/' title='Tutelas 2003' class='pt-cv-tax-tutelas-2003'>Tutelas 2003<\/a><\/div>\n<h4 class=\"pt-cv-title\"><a href=\"https:\/\/www.dmsjuridica.com\/buscador_20179478954\/corteconstitucionalcronologico202454587\/t-888-03\/\" class=\"_self\" target=\"_self\" >T-888-03<\/a><\/h4>\n<div class=\"pt-cv-content\">\u00a0 \u00a0 Sentencia T-888\/03 \u00a0 DERECHO A LA SALUD-Pr\u00e1ctica de examen m\u00e9dico por el ISS \u00a0 ACCION DE TUTELA-Hecho superado por haberse realizado el examen m\u00e9dico al paciente \u00a0 Reiteraci\u00f3n de Jurisprudencia \u00a0 Referencia: expediente T-750153 \u00a0 Acci\u00f3n de tutela instaurada por Luis Ernesto Hern\u00e1ndez Ram\u00edrez contra el Instituto de Seguro Social. \u00a0 Magistrado Ponente: \u00a0 Dr. MANUEL JOS\u00c9 CEPEDA ESPINOSA \u00a0 Bogot\u00e1, D.C., dos (2) de octubre de dos mil tres (2003). \u00a0 1. Luis Ernesto \u00a0Hern\u00e1ndez Ram\u00edrez interpuso acci\u00f3n de tutela a favor de su cu\u00f1ado, \u00c1lvaro Mill\u00e1n Arana, el dos (2) de abril de 2003 contra el ...<br \/><div class=\"pt-cv-rmwrap\"><a href=\"https:\/\/www.dmsjuridica.com\/buscador_20179478954\/corteconstitucionalcronologico202454587\/t-888-03\/\" class=\"_self pt-cv-readmore btn btn-success\" target=\"_self\">Ver Sentencia Completa...<\/a><\/div><\/div><\/div><\/div>\n<div class=\"col-md-12 col-sm-12 col-xs-12 pt-cv-content-item pt-cv-1-col\" ><div class='pt-cv-ifield'><a href=\"https:\/\/www.dmsjuridica.com\/buscador_20179478954\/corteconstitucionalcronologico202454587\/t-887-03\/\" class=\"_self pt-cv-href-thumbnail pt-cv-thumb-default\" target=\"_self\" ><\/a>\n<div class=\"pt-cv-taxoterm above_title\"><a href='https:\/\/www.dmsjuridica.com\/buscador_20179478954\/corteconstitucionalcronologico202454587\/category\/buscar-en-toda-la-corte\/2003\/tutelas-2003\/' title='Tutelas 2003' class='pt-cv-tax-tutelas-2003'>Tutelas 2003<\/a><\/div>\n<h4 class=\"pt-cv-title\"><a href=\"https:\/\/www.dmsjuridica.com\/buscador_20179478954\/corteconstitucionalcronologico202454587\/t-887-03\/\" class=\"_self\" target=\"_self\" >T-887-03<\/a><\/h4>\n<div class=\"pt-cv-content\">\u00a0 \u00a0 Sentencia T-887\/03 \u00a0 ENTIDADES TERRITORIALES-Administraci\u00f3n y vigilancia de la carrera docente \u00a0 DERECHO DE PETICION-Resoluci\u00f3n oportuna y de fondo sobre ascenso en el escalaf\u00f3n docente \u00a0 Reiteraci\u00f3n de Jurisprudencia \u00a0 Referencia: expediente T-761892 \u00a0 Acci\u00f3n de tutela instaurada por Rosa Elba Naranjo Abril contra la Gobernaci\u00f3n de Boyac\u00e1 \u00a0 Magistrado Ponente:\u00a0 \u00a0 Dr. MANUEL JOS\u00c9 CEPEDA ESPINOSA \u00a0 Bogot\u00e1, D.C., dos (2) de octubre de dos mil tres (2003). \u00a0 1. Rosa Elba Naranjo Abril interpuso acci\u00f3n de tutela por medio de apoderado contra la Gobernaci\u00f3n de Boyac\u00e1 el 23 de abril de 2003 con el prop\u00f3sito de ...<br \/><div class=\"pt-cv-rmwrap\"><a href=\"https:\/\/www.dmsjuridica.com\/buscador_20179478954\/corteconstitucionalcronologico202454587\/t-887-03\/\" class=\"_self pt-cv-readmore btn btn-success\" target=\"_self\">Ver Sentencia Completa...<\/a><\/div><\/div><\/div><\/div>\n<div class=\"col-md-12 col-sm-12 col-xs-12 pt-cv-content-item pt-cv-1-col\" ><div class='pt-cv-ifield'><a href=\"https:\/\/www.dmsjuridica.com\/buscador_20179478954\/corteconstitucionalcronologico202454587\/t-886-03\/\" class=\"_self pt-cv-href-thumbnail pt-cv-thumb-default\" target=\"_self\" ><\/a>\n<div class=\"pt-cv-taxoterm above_title\"><a href='https:\/\/www.dmsjuridica.com\/buscador_20179478954\/corteconstitucionalcronologico202454587\/category\/buscar-en-toda-la-corte\/2003\/tutelas-2003\/' title='Tutelas 2003' class='pt-cv-tax-tutelas-2003'>Tutelas 2003<\/a><\/div>\n<h4 class=\"pt-cv-title\"><a href=\"https:\/\/www.dmsjuridica.com\/buscador_20179478954\/corteconstitucionalcronologico202454587\/t-886-03\/\" class=\"_self\" target=\"_self\" >T-886-03<\/a><\/h4>\n<div class=\"pt-cv-content\">\u00a0 \u00a0 {p} \u00a0 Expedientes T-752976 y otros \u00a0 Sentencia T-886\/03 \u00a0 DERECHO DE PETICION-Resoluci\u00f3n pronta y oportuna \u00a0 DERECHO DE PETICION PARA RELIQUIDACION DE PENSIONES-Aplicaci\u00f3n t\u00e9rmino definitivo de quince d\u00edas \u00a0 DERECHO DE PETICION PARA RESOLVER SOBRE RECONOCIMIENTO Y PAGO DE PENSIONES-T\u00e9rmino de cuatro meses\/DERECHO DE PETICION-Vulneraci\u00f3n de t\u00e9rmino de quince d\u00edas y de cuatro meses para responder\u00a0 \u00a0 En los casos objeto de estudio, se trata de seis (6) personas que en forma individual y en distintas fechas elevaron derechos de petici\u00f3n a Cajanal, con el fin de obtener reconocimiento y pago de sus pensiones, en algunos casos, ...<br \/><div class=\"pt-cv-rmwrap\"><a href=\"https:\/\/www.dmsjuridica.com\/buscador_20179478954\/corteconstitucionalcronologico202454587\/t-886-03\/\" class=\"_self pt-cv-readmore btn btn-success\" target=\"_self\">Ver Sentencia Completa...<\/a><\/div><\/div><\/div><\/div>\n<div class=\"col-md-12 col-sm-12 col-xs-12 pt-cv-content-item pt-cv-1-col\" ><div class='pt-cv-ifield'><a href=\"https:\/\/www.dmsjuridica.com\/buscador_20179478954\/corteconstitucionalcronologico202454587\/t-885-03\/\" class=\"_self pt-cv-href-thumbnail pt-cv-thumb-default\" target=\"_self\" ><\/a>\n<div class=\"pt-cv-taxoterm above_title\"><a href='https:\/\/www.dmsjuridica.com\/buscador_20179478954\/corteconstitucionalcronologico202454587\/category\/buscar-en-toda-la-corte\/2003\/tutelas-2003\/' title='Tutelas 2003' class='pt-cv-tax-tutelas-2003'>Tutelas 2003<\/a><\/div>\n<h4 class=\"pt-cv-title\"><a href=\"https:\/\/www.dmsjuridica.com\/buscador_20179478954\/corteconstitucionalcronologico202454587\/t-885-03\/\" class=\"_self\" target=\"_self\" >T-885-03<\/a><\/h4>\n<div class=\"pt-cv-content\">\u00a0 \u00a0 Sentencia T-885\/03 \u00a0 \u00a0 FORMAS DE PROVISION DE CARGOS EN LA RAMA JUDICIAL \u00a0 EMPLEADO DE CARRERA EN PROPIEDAD-Estabilidad\/EMPLEADO EN PROVISIONALIDAD-Falta de estabilidad \u00a0 MATERNIDAD-Protecci\u00f3n integral\u00a0 \u00a0 DERECHO A LA ESTABILIDAD LABORAL REFORZADA DE MUJER EMBARAZADA-Protecci\u00f3n constitucional especial \u00a0 MUJER TRABAJADORA EMBARAZADA-Protecci\u00f3n laboral \u00a0 MUJER TRABAJADORA EMBARAZADA-No puede ser retirada del trabajo sin previa autorizaci\u00f3n\u00a0 \u00a0 FUERO DE MATERNIDAD-Alcance \u00a0 FUERO DE MATERNIDAD-Opera independientemente del tipo de relaci\u00f3n laboral\u00a0 \u00a0 el fuero a la maternidad opera independientemente del tipo de relaci\u00f3n laboral. \"la protecci\u00f3n constitucional a la mujer embarazada no se circunscribe a los contratos celebrados a t\u00e9rmino ...<br \/><div class=\"pt-cv-rmwrap\"><a href=\"https:\/\/www.dmsjuridica.com\/buscador_20179478954\/corteconstitucionalcronologico202454587\/t-885-03\/\" class=\"_self pt-cv-readmore btn btn-success\" target=\"_self\">Ver Sentencia Completa...<\/a><\/div><\/div><\/div><\/div>\n<div class=\"col-md-12 col-sm-12 col-xs-12 pt-cv-content-item pt-cv-1-col\" ><div class='pt-cv-ifield'><a href=\"https:\/\/www.dmsjuridica.com\/buscador_20179478954\/corteconstitucionalcronologico202454587\/t-884-03\/\" class=\"_self pt-cv-href-thumbnail pt-cv-thumb-default\" target=\"_self\" ><\/a>\n<div class=\"pt-cv-taxoterm above_title\"><a href='https:\/\/www.dmsjuridica.com\/buscador_20179478954\/corteconstitucionalcronologico202454587\/category\/buscar-en-toda-la-corte\/2003\/tutelas-2003\/' title='Tutelas 2003' class='pt-cv-tax-tutelas-2003'>Tutelas 2003<\/a><\/div>\n<h4 class=\"pt-cv-title\"><a href=\"https:\/\/www.dmsjuridica.com\/buscador_20179478954\/corteconstitucionalcronologico202454587\/t-884-03\/\" class=\"_self\" target=\"_self\" >T-884-03<\/a><\/h4>\n<div class=\"pt-cv-content\">\u00a0 \u00a0 Sentencia T-884\/03 \u00a0 \u00a0 \u00a0 DERECHOS SOCIALES-Exclusi\u00f3n del amparo por tutela no es absoluta \u00a0 La exclusi\u00f3n a los derechos sociales del amparo constitucional no es, de ning\u00fan modo, absoluta, puesto que en eventos concretos es posible que de la satisfacci\u00f3n de aquellos dependa la protecci\u00f3n y el goce efectivo de los derechos fundamentales, relaci\u00f3n de subordinaci\u00f3n que se acredita a trav\u00e9s de la comprobaci\u00f3n de determinadas condiciones f\u00e1cticas en cada caso. Una vez realizada esta labor probatoria, el juez constitucional est\u00e1 facultado para emitir \u00f3rdenes de amparo tendientes a restituir al afectado en el ejercicio del derecho ...<br \/><div class=\"pt-cv-rmwrap\"><a href=\"https:\/\/www.dmsjuridica.com\/buscador_20179478954\/corteconstitucionalcronologico202454587\/t-884-03\/\" class=\"_self pt-cv-readmore btn btn-success\" target=\"_self\">Ver Sentencia Completa...<\/a><\/div><\/div><\/div><\/div>\n<div class=\"col-md-12 col-sm-12 col-xs-12 pt-cv-content-item pt-cv-1-col\" ><div class='pt-cv-ifield'><a href=\"https:\/\/www.dmsjuridica.com\/buscador_20179478954\/corteconstitucionalcronologico202454587\/t-883-03\/\" class=\"_self pt-cv-href-thumbnail pt-cv-thumb-default\" target=\"_self\" ><\/a>\n<div class=\"pt-cv-taxoterm above_title\"><a href='https:\/\/www.dmsjuridica.com\/buscador_20179478954\/corteconstitucionalcronologico202454587\/category\/buscar-en-toda-la-corte\/2003\/tutelas-2003\/' title='Tutelas 2003' class='pt-cv-tax-tutelas-2003'>Tutelas 2003<\/a><\/div>\n<h4 class=\"pt-cv-title\"><a href=\"https:\/\/www.dmsjuridica.com\/buscador_20179478954\/corteconstitucionalcronologico202454587\/t-883-03\/\" class=\"_self\" target=\"_self\" >T-883-03<\/a><\/h4>\n<div class=\"pt-cv-content\">\u00a0 \u00a0 Sentencia T-883\/03 \u00a0 PLAN OBLIGATORIO DE SALUD-Definici\u00f3n \u00a0 INAPLICACION DE NORMAS DEL PLAN OBLIGATORIO DE SALUD-Condiciones en que procede por exclusi\u00f3n de medicamentos \u00a0 DERECHO A LA VIDA-Vulneraci\u00f3n por no suministro de medicamentos para grave afecci\u00f3n cardiaca \u00a0 DERECHO A LA SALUD-Medicamento del POS no suple al excluido \u00a0 DERECHO AL MINIMO VITAL-Falta de recursos econ\u00f3micos de la peticionaria para solventar el costo de sus medicamentos \u00a0 \u00a0\u00a0 \u00a0 Reiteraci\u00f3n de jurisprudencia \u00a0 Referencia: expediente T-754.137 \u00a0 Acci\u00f3n de tutela interpuesta por Mar\u00eda Teresa M\u00e9ndez de Benavides contra Salud Colpatria S.A. E.P.S.\u00a0 \u00a0 Magistrado Ponente: \u00a0 Dr. JAIME ...<br \/><div class=\"pt-cv-rmwrap\"><a href=\"https:\/\/www.dmsjuridica.com\/buscador_20179478954\/corteconstitucionalcronologico202454587\/t-883-03\/\" class=\"_self pt-cv-readmore btn btn-success\" target=\"_self\">Ver Sentencia Completa...<\/a><\/div><\/div><\/div><\/div>\n<div class=\"col-md-12 col-sm-12 col-xs-12 pt-cv-content-item pt-cv-1-col\" ><div class='pt-cv-ifield'><a href=\"https:\/\/www.dmsjuridica.com\/buscador_20179478954\/corteconstitucionalcronologico202454587\/t-882-03\/\" class=\"_self pt-cv-href-thumbnail pt-cv-thumb-default\" target=\"_self\" ><\/a>\n<div class=\"pt-cv-taxoterm above_title\"><a href='https:\/\/www.dmsjuridica.com\/buscador_20179478954\/corteconstitucionalcronologico202454587\/category\/buscar-en-toda-la-corte\/2003\/tutelas-2003\/' title='Tutelas 2003' class='pt-cv-tax-tutelas-2003'>Tutelas 2003<\/a><\/div>\n<h4 class=\"pt-cv-title\"><a href=\"https:\/\/www.dmsjuridica.com\/buscador_20179478954\/corteconstitucionalcronologico202454587\/t-882-03\/\" class=\"_self\" target=\"_self\" >T-882-03<\/a><\/h4>\n<div class=\"pt-cv-content\">\u00a0 \u00a0 Sentencia T-882\/03 \u00a0 SENTENCIA-Cumplimiento obligatorio \u00a0 CUMPLIMIENTO DE PROVIDENCIAS JUDICIALES-Observancia \u00a0 ACCION DE TUTELA-Cumplimiento de fallos judiciales para hacer efectivas obligaciones de hacer\/ACCION DE TUTELA-Improcedencia general para cumplimiento de fallos que generen obligaciones de dar \u00a0 ACCION DE TUTELA-Procedencia excepcional para cumplimiento de sentencias que generen obligaciones de dar \u00a0 EMPRESA EN LIQUIDACION-Falta de recursos no es excusa para no pago de \u00a0pensiones \u00a0 PENSION DE JUBILACION-Inclusi\u00f3n en n\u00f3mina para el \u00a0pago por \u00a0la empresa Alcalis de Colombia en liquidaci\u00f3n\u00a0 \u00a0 Reiteraci\u00f3n de Jurisprudencia \u00a0 Referencia: expediente T-751506 \u00a0 Acci\u00f3n de tutela instaurada por Manuel Enrique Torres Castro ...<br \/><div class=\"pt-cv-rmwrap\"><a href=\"https:\/\/www.dmsjuridica.com\/buscador_20179478954\/corteconstitucionalcronologico202454587\/t-882-03\/\" class=\"_self pt-cv-readmore btn btn-success\" target=\"_self\">Ver Sentencia Completa...<\/a><\/div><\/div><\/div><\/div>\n<div class=\"col-md-12 col-sm-12 col-xs-12 pt-cv-content-item pt-cv-1-col\" ><div class='pt-cv-ifield'><a href=\"https:\/\/www.dmsjuridica.com\/buscador_20179478954\/corteconstitucionalcronologico202454587\/t-881-03\/\" class=\"_self pt-cv-href-thumbnail pt-cv-thumb-default\" target=\"_self\" ><\/a>\n<div class=\"pt-cv-taxoterm above_title\"><a href='https:\/\/www.dmsjuridica.com\/buscador_20179478954\/corteconstitucionalcronologico202454587\/category\/buscar-en-toda-la-corte\/2003\/tutelas-2003\/' title='Tutelas 2003' class='pt-cv-tax-tutelas-2003'>Tutelas 2003<\/a><\/div>\n<h4 class=\"pt-cv-title\"><a href=\"https:\/\/www.dmsjuridica.com\/buscador_20179478954\/corteconstitucionalcronologico202454587\/t-881-03\/\" class=\"_self\" target=\"_self\" >T-881-03<\/a><\/h4>\n<div class=\"pt-cv-content\">\u00a0 \u00a0 Sentencia T-881\/03 \u00a0 DERECHO A LA VIDA-Demora en autorizaci\u00f3n pr\u00e1ctica de examen catalogado como urgente \u00a0 DERECHO A LA SALUD Y VIDA-Oportunidad en iniciaci\u00f3n y desarrollo de tratamiento m\u00e9dico \u00a0 DERECHO A LA SALUD Y VIDA-Demora en cirug\u00eda catalogada como urgente\u00a0 \u00a0 Sin ning\u00fan motivo real, diferente al de alegar que la accionante no ha adelantado los tr\u00e1mites pertinentes, la entidad demora y atrasa la atenci\u00f3n en salud que \u00a0merece la accionante, ignorando la urgencia que representa para su salud el examen requerido. Dos consideraciones merecen los anteriores supuestos: La demora en la pr\u00e1ctica de la operaci\u00f3n que ...<br \/><div class=\"pt-cv-rmwrap\"><a href=\"https:\/\/www.dmsjuridica.com\/buscador_20179478954\/corteconstitucionalcronologico202454587\/t-881-03\/\" class=\"_self pt-cv-readmore btn btn-success\" target=\"_self\">Ver Sentencia Completa...<\/a><\/div><\/div><\/div><\/div>\n<div class=\"col-md-12 col-sm-12 col-xs-12 pt-cv-content-item pt-cv-1-col\" ><div class='pt-cv-ifield'><a href=\"https:\/\/www.dmsjuridica.com\/buscador_20179478954\/corteconstitucionalcronologico202454587\/t-868-03\/\" class=\"_self pt-cv-href-thumbnail pt-cv-thumb-default\" target=\"_self\" ><\/a>\n<div class=\"pt-cv-taxoterm above_title\"><a href='https:\/\/www.dmsjuridica.com\/buscador_20179478954\/corteconstitucionalcronologico202454587\/category\/buscar-en-toda-la-corte\/2003\/tutelas-2003\/' title='Tutelas 2003' class='pt-cv-tax-tutelas-2003'>Tutelas 2003<\/a><\/div>\n<h4 class=\"pt-cv-title\"><a href=\"https:\/\/www.dmsjuridica.com\/buscador_20179478954\/corteconstitucionalcronologico202454587\/t-868-03\/\" class=\"_self\" target=\"_self\" >T-868-03<\/a><\/h4>\n<div class=\"pt-cv-content\">\u00a0 \u00a0 Sentencia T-868\/03 \u00a0 CAPACIDAD ECONOMICA-Persona que requiere aud\u00edfono \u00a0 Reiteraci\u00f3n de Jurisprudencia \u00a0 Referencia: expediente T-774838 \u00a0 Acci\u00f3n de tutela instaurada por Carlos Jorge Moncada Angarita contra \u00a0E. P. S. Compensar. \u00a0 Magistrado Ponente: \u00a0 Dr. MANUEL JOS\u00c9 CEPEDA ESPINOSA \u00a0 Bogot\u00e1, D.C., veintinueve (29) de septiembre de dos mil tres (2003). \u00a0 Dado que esta sentencia se limita a reiterar la jurisprudencia de la Corte, ser\u00e1 brevemente motivada. \u00a0 1. El se\u00f1or Jorge Moncada Angarita, present\u00f3 acci\u00f3n de tutela1 por considerar que la negativa de la entidad accionada en suministrarle unos aud\u00edfonos que fueron recomendados por su ...<br \/><div class=\"pt-cv-rmwrap\"><a href=\"https:\/\/www.dmsjuridica.com\/buscador_20179478954\/corteconstitucionalcronologico202454587\/t-868-03\/\" class=\"_self pt-cv-readmore btn btn-success\" target=\"_self\">Ver Sentencia Completa...<\/a><\/div><\/div><\/div><\/div>\n<div class=\"col-md-12 col-sm-12 col-xs-12 pt-cv-content-item pt-cv-1-col\" ><div class='pt-cv-ifield'><a href=\"https:\/\/www.dmsjuridica.com\/buscador_20179478954\/corteconstitucionalcronologico202454587\/t-867-03\/\" class=\"_self pt-cv-href-thumbnail pt-cv-thumb-default\" target=\"_self\" ><\/a>\n<div class=\"pt-cv-taxoterm above_title\"><a href='https:\/\/www.dmsjuridica.com\/buscador_20179478954\/corteconstitucionalcronologico202454587\/category\/buscar-en-toda-la-corte\/2003\/tutelas-2003\/' title='Tutelas 2003' class='pt-cv-tax-tutelas-2003'>Tutelas 2003<\/a><\/div>\n<h4 class=\"pt-cv-title\"><a href=\"https:\/\/www.dmsjuridica.com\/buscador_20179478954\/corteconstitucionalcronologico202454587\/t-867-03\/\" class=\"_self\" target=\"_self\" >T-867-03<\/a><\/h4>\n<div class=\"pt-cv-content\">\u00a0 \u00a0 Sentencia T-867\/03 \u00a0 DERECHO A LA SALUD-Fundamental por conexidad con la vida\/DERECHO A LA SALUD Y DERECHO AL DIAGNOSTICO \u00a0 Referencia: expediente T-766847 \u00a0 Acci\u00f3n de tutela instaurada por Zoraida Romero de Ariza contra la Colmena Salud E.P.S. \u00a0 Magistrado Ponente: \u00a0 Dr. MANUEL JOS\u00c9 CEPEDA ESPINOSA \u00a0 Bogot\u00e1, D. C., veintinueve (29) de septiembre de dos mil tres (2003). \u00a0 La Sala Tercera de Revisi\u00f3n de la Corte Constitucional, en ejercicio de sus competencias constitucionales y legales, en particular las contenidas en los art\u00edculos 86 y 241, numeral 9, de la Constituci\u00f3n y el Decreto 2591 de ...<br \/><div class=\"pt-cv-rmwrap\"><a href=\"https:\/\/www.dmsjuridica.com\/buscador_20179478954\/corteconstitucionalcronologico202454587\/t-867-03\/\" class=\"_self pt-cv-readmore btn btn-success\" target=\"_self\">Ver Sentencia Completa...<\/a><\/div><\/div><\/div><\/div>\n<div class=\"col-md-12 col-sm-12 col-xs-12 pt-cv-content-item pt-cv-1-col\" ><div class='pt-cv-ifield'><a href=\"https:\/\/www.dmsjuridica.com\/buscador_20179478954\/corteconstitucionalcronologico202454587\/t-866-03\/\" class=\"_self pt-cv-href-thumbnail pt-cv-thumb-default\" target=\"_self\" ><\/a>\n<div class=\"pt-cv-taxoterm above_title\"><a href='https:\/\/www.dmsjuridica.com\/buscador_20179478954\/corteconstitucionalcronologico202454587\/category\/buscar-en-toda-la-corte\/2003\/tutelas-2003\/' title='Tutelas 2003' class='pt-cv-tax-tutelas-2003'>Tutelas 2003<\/a><\/div>\n<h4 class=\"pt-cv-title\"><a href=\"https:\/\/www.dmsjuridica.com\/buscador_20179478954\/corteconstitucionalcronologico202454587\/t-866-03\/\" class=\"_self\" target=\"_self\" >T-866-03<\/a><\/h4>\n<div class=\"pt-cv-content\">\u00a0 \u00a0 Sentencia T-866\/03 \u00a0 LICENCIA DE MATERNIDAD-Derecho prestacional\/LICENCIA DE MATERNIDAD-Fundamental por conexidad\/LICENCIA DE MATERNIDAD-Plazo para reclamarla \u00a0 NOTA DE RELATORIA: Esta posici\u00f3n jurisprudencial se cambi\u00f3 en sentencia T-999\/03 \u00a0 Reiteraci\u00f3n de jurisprudencia \u00a0 \u00a0 Referencia: expediente T-752478 \u00a0 Acci\u00f3n de tutela instaurada por Carmen Judith Rey Rinc\u00f3n contra el Seguro Social, E. P. S. \u00a0 Magistrado Ponente: \u00a0 Dr. MANUEL JOS\u00c9 CEPEDA ESPINOSA \u00a0 Bogot\u00e1, D.C., veintinueve (29) de septiembre de dos mil tres (2003). \u00a0 Dado que esta sentencia se limita a reiterar la jurisprudencia de la Corte, ser\u00e1 brevemente motivada. \u00a0 1. Carmen Judith Rey Rinc\u00f3n interpuso ...<br \/><div class=\"pt-cv-rmwrap\"><a href=\"https:\/\/www.dmsjuridica.com\/buscador_20179478954\/corteconstitucionalcronologico202454587\/t-866-03\/\" class=\"_self pt-cv-readmore btn btn-success\" target=\"_self\">Ver Sentencia Completa...<\/a><\/div><\/div><\/div><\/div>\n<div class=\"col-md-12 col-sm-12 col-xs-12 pt-cv-content-item pt-cv-1-col\" ><div class='pt-cv-ifield'><a href=\"https:\/\/www.dmsjuridica.com\/buscador_20179478954\/corteconstitucionalcronologico202454587\/t-864-03\/\" class=\"_self pt-cv-href-thumbnail pt-cv-thumb-default\" target=\"_self\" ><\/a>\n<div class=\"pt-cv-taxoterm above_title\"><a href='https:\/\/www.dmsjuridica.com\/buscador_20179478954\/corteconstitucionalcronologico202454587\/category\/buscar-en-toda-la-corte\/2003\/tutelas-2003\/' title='Tutelas 2003' class='pt-cv-tax-tutelas-2003'>Tutelas 2003<\/a><\/div>\n<h4 class=\"pt-cv-title\"><a href=\"https:\/\/www.dmsjuridica.com\/buscador_20179478954\/corteconstitucionalcronologico202454587\/t-864-03\/\" class=\"_self\" target=\"_self\" >T-864-03<\/a><\/h4>\n<div class=\"pt-cv-content\">\u00a0 \u00a0 Sentencia T-864\/03 \u00a0 DERECHO A LA SALUD DE EX SOLDADO-Obligaci\u00f3n de atenci\u00f3n m\u00e9dica\u00a0 \u00a0 Se trata de un (i) soldado que ingres\u00f3 a las Fuerzas Militares en \u00f3ptimas condiciones y (ii) al momento de su retiro, result\u00f3 con lesiones ocasionadas por causa y raz\u00f3n de la prestaci\u00f3n de dicho servicio. \u00a0 Reiteraci\u00f3n de Jurisprudencia \u00a0 Referencia: expediente T-734702 \u00a0 Magistrado Ponente \u00a0 Dr. MANUEL JOS\u00c9 CEPEDA ESPINOSA \u00a0 Bogot\u00e1, D. C., veintinueve (29) de septiembre de dos mil tres (2003). \u00a0 Dado que esta sentencia se limita a reiterar la jurisprudencia de la Corte, ser\u00e1 brevemente motivada. \u00a0 ...<br \/><div class=\"pt-cv-rmwrap\"><a href=\"https:\/\/www.dmsjuridica.com\/buscador_20179478954\/corteconstitucionalcronologico202454587\/t-864-03\/\" class=\"_self pt-cv-readmore btn btn-success\" target=\"_self\">Ver Sentencia Completa...<\/a><\/div><\/div><\/div><\/div>\n<div class=\"col-md-12 col-sm-12 col-xs-12 pt-cv-content-item pt-cv-1-col\" ><div class='pt-cv-ifield'><a href=\"https:\/\/www.dmsjuridica.com\/buscador_20179478954\/corteconstitucionalcronologico202454587\/t-863-03\/\" class=\"_self pt-cv-href-thumbnail pt-cv-thumb-default\" target=\"_self\" ><\/a>\n<div class=\"pt-cv-taxoterm above_title\"><a href='https:\/\/www.dmsjuridica.com\/buscador_20179478954\/corteconstitucionalcronologico202454587\/category\/buscar-en-toda-la-corte\/2003\/tutelas-2003\/' title='Tutelas 2003' class='pt-cv-tax-tutelas-2003'>Tutelas 2003<\/a><\/div>\n<h4 class=\"pt-cv-title\"><a href=\"https:\/\/www.dmsjuridica.com\/buscador_20179478954\/corteconstitucionalcronologico202454587\/t-863-03\/\" class=\"_self\" target=\"_self\" >T-863-03<\/a><\/h4>\n<div class=\"pt-cv-content\">\u00a0 \u00a0 Sentencia T-863\/03 \u00a0 AGENCIA OFICIOSA EN TUTELA \u00a0 SENTENCIA DE CONSTITUCIONALIDAD-Efectos \u00a0 En lo referente a los efectos de los fallos de constitucionalidad en el tiempo, la propia Corte Constitucional sent\u00f3 la doctrina de que los fallos dictados en ejercicio del control constitucional tienen efectos hacia el futuro (ex nunc), a menos que la propia Corte le otorgue efectos retroactivos (ex tunc). \u00a0 Acci\u00f3n de tutela interpuesta por Bancolombia (Panam\u00e1) S.A. contra el Tribunal Superior del Distrito Judicial de Santa Marta, Sala Civil y de Familia. \u00a0 \u00a0 \u00a0 Magistrado Ponente \u00a0 Dr. JAIME ARAUJO RENTERIA \u00a0 Bogot\u00e1, ...<br \/><div class=\"pt-cv-rmwrap\"><a href=\"https:\/\/www.dmsjuridica.com\/buscador_20179478954\/corteconstitucionalcronologico202454587\/t-863-03\/\" class=\"_self pt-cv-readmore btn btn-success\" target=\"_self\">Ver Sentencia Completa...<\/a><\/div><\/div><\/div><\/div>\n<div class=\"col-md-12 col-sm-12 col-xs-12 pt-cv-content-item pt-cv-1-col\" ><div class='pt-cv-ifield'><a href=\"https:\/\/www.dmsjuridica.com\/buscador_20179478954\/corteconstitucionalcronologico202454587\/t-862-03\/\" class=\"_self pt-cv-href-thumbnail pt-cv-thumb-default\" target=\"_self\" ><\/a>\n<div class=\"pt-cv-taxoterm above_title\"><a href='https:\/\/www.dmsjuridica.com\/buscador_20179478954\/corteconstitucionalcronologico202454587\/category\/buscar-en-toda-la-corte\/2003\/tutelas-2003\/' title='Tutelas 2003' class='pt-cv-tax-tutelas-2003'>Tutelas 2003<\/a><\/div>\n<h4 class=\"pt-cv-title\"><a href=\"https:\/\/www.dmsjuridica.com\/buscador_20179478954\/corteconstitucionalcronologico202454587\/t-862-03\/\" class=\"_self\" target=\"_self\" >T-862-03<\/a><\/h4>\n<div class=\"pt-cv-content\">\u00a0 \u00a0 Sentencia T-862\/03 \u00a0 DERECHO A LA ESTABILIDAD LABORAL REFORZADA DE MUJER EMBARAZADA EN EMPRESA TEMPORAL DE SERVICIOS-Protecci\u00f3n \u00a0 La protecci\u00f3n a la estabilidad en el empleo respecto de todos los trabajadores, contemplada en el art. 53 de la Constituci\u00f3n Pol\u00edtica, es un principio que rige de manera general las relaciones laborales, lo cual supone que el cumplimiento estricto de las obligaciones propias que demanda el desarrollo del objeto del contrato de trabajo por parte del empleado, se traduce en la conservaci\u00f3n de su cargo, salvo que se verifique alguna de las causales contempladas en la ley para que ...<br \/><div class=\"pt-cv-rmwrap\"><a href=\"https:\/\/www.dmsjuridica.com\/buscador_20179478954\/corteconstitucionalcronologico202454587\/t-862-03\/\" class=\"_self pt-cv-readmore btn btn-success\" target=\"_self\">Ver Sentencia Completa...<\/a><\/div><\/div><\/div><\/div>\n<div class=\"col-md-12 col-sm-12 col-xs-12 pt-cv-content-item pt-cv-1-col\" ><div class='pt-cv-ifield'><a href=\"https:\/\/www.dmsjuridica.com\/buscador_20179478954\/corteconstitucionalcronologico202454587\/t-861-03\/\" class=\"_self pt-cv-href-thumbnail pt-cv-thumb-default\" target=\"_self\" ><\/a>\n<div class=\"pt-cv-taxoterm above_title\"><a href='https:\/\/www.dmsjuridica.com\/buscador_20179478954\/corteconstitucionalcronologico202454587\/category\/buscar-en-toda-la-corte\/2003\/tutelas-2003\/' title='Tutelas 2003' class='pt-cv-tax-tutelas-2003'>Tutelas 2003<\/a><\/div>\n<h4 class=\"pt-cv-title\"><a href=\"https:\/\/www.dmsjuridica.com\/buscador_20179478954\/corteconstitucionalcronologico202454587\/t-861-03\/\" class=\"_self\" target=\"_self\" >T-861-03<\/a><\/h4>\n<div class=\"pt-cv-content\">\u00a0 \u00a0 Sentencia T-861\/03 \u00a0 DERECHO A LA PERSONALIDAD JURIDICA-Importancia para el ejercicio de otros derechos fundamentales \u00a0 Esta Corte ha reconocido entonces la trascendencia del derecho a la personalidad jur\u00eddica a la vez que ha estimado de vital importancia la c\u00e9dula de ciudadan\u00eda para el ejercicio de ese derecho y de los derechos asociados a \u00e9l. \u00a0 REGISTRO CIVIL-Correcci\u00f3n \u00a0 El actor puede acudir de manera presencial a la notar\u00eda a fin de que, previa identificaci\u00f3n como m\u00e1s adelante se determina y si le asiste raz\u00f3n, sea corregido el registro civil correspondiente, y en orden a que posteriormente le ...<br \/><div class=\"pt-cv-rmwrap\"><a href=\"https:\/\/www.dmsjuridica.com\/buscador_20179478954\/corteconstitucionalcronologico202454587\/t-861-03\/\" class=\"_self pt-cv-readmore btn btn-success\" target=\"_self\">Ver Sentencia Completa...<\/a><\/div><\/div><\/div><\/div>\n<div class=\"col-md-12 col-sm-12 col-xs-12 pt-cv-content-item pt-cv-1-col\" ><div class='pt-cv-ifield'><a href=\"https:\/\/www.dmsjuridica.com\/buscador_20179478954\/corteconstitucionalcronologico202454587\/t-860-03\/\" class=\"_self pt-cv-href-thumbnail pt-cv-thumb-default\" target=\"_self\" ><\/a>\n<div class=\"pt-cv-taxoterm above_title\"><a href='https:\/\/www.dmsjuridica.com\/buscador_20179478954\/corteconstitucionalcronologico202454587\/category\/buscar-en-toda-la-corte\/2003\/tutelas-2003\/' title='Tutelas 2003' class='pt-cv-tax-tutelas-2003'>Tutelas 2003<\/a><\/div>\n<h4 class=\"pt-cv-title\"><a href=\"https:\/\/www.dmsjuridica.com\/buscador_20179478954\/corteconstitucionalcronologico202454587\/t-860-03\/\" class=\"_self\" target=\"_self\" >T-860-03<\/a><\/h4>\n<div class=\"pt-cv-content\">\u00a0 \u00a0 Sentencia T-860\/03 \u00a0 DERECHO A LA SALUD-Fundamental \u00a0 En punto del derecho a la salud que \u00a0prima facie \u00a0no tiene el car\u00e1cter de fundamental, adquiere tal estatus en aquellas eventualidades en las que su falta de protecci\u00f3n configura un riesgo para las garant\u00edas esenciales. Cuando no es posible establecer dicha vinculaci\u00f3n, el car\u00e1cter fundamental del derecho a la salud queda desvirtuado, y \u00a0la naturaleza prestacional o asistencial del mismo impide que sea protegido - v\u00eda acci\u00f3n de tutela -. Para determinar si, en un caso particular, el derecho a la salud se encuentra en relaci\u00f3n de conexidad con ...<br \/><div class=\"pt-cv-rmwrap\"><a href=\"https:\/\/www.dmsjuridica.com\/buscador_20179478954\/corteconstitucionalcronologico202454587\/t-860-03\/\" class=\"_self pt-cv-readmore btn btn-success\" target=\"_self\">Ver Sentencia Completa...<\/a><\/div><\/div><\/div><\/div>\n<div class=\"col-md-12 col-sm-12 col-xs-12 pt-cv-content-item pt-cv-1-col\" ><div class='pt-cv-ifield'><a href=\"https:\/\/www.dmsjuridica.com\/buscador_20179478954\/corteconstitucionalcronologico202454587\/t-859-03\/\" class=\"_self pt-cv-href-thumbnail pt-cv-thumb-default\" target=\"_self\" ><\/a>\n<div class=\"pt-cv-taxoterm above_title\"><a href='https:\/\/www.dmsjuridica.com\/buscador_20179478954\/corteconstitucionalcronologico202454587\/category\/buscar-en-toda-la-corte\/2003\/tutelas-2003\/' title='Tutelas 2003' class='pt-cv-tax-tutelas-2003'>Tutelas 2003<\/a><\/div>\n<h4 class=\"pt-cv-title\"><a href=\"https:\/\/www.dmsjuridica.com\/buscador_20179478954\/corteconstitucionalcronologico202454587\/t-859-03\/\" class=\"_self\" target=\"_self\" >T-859-03<\/a><\/h4>\n<div class=\"pt-cv-content\">\u00a0 \u00a0 Sentencia T-859\/03 \u00a0 DERECHO A LA SALUD-Fundamental \u00a0 PLAN OBLIGATORIO DE SALUD-Definici\u00f3n de contenido es asunto de relevancia constitucional \u00a0 DERECHO A LA SALUD-Contenido \u00a0 El derecho a la salud, en los t\u00e9rminos de la Observaci\u00f3n General N\u00b014 del Comit\u00e9 de Derechos Econ\u00f3micos, Sociales y Culturales, se entiende como el derecho al m\u00e1ximo nivel posible de salud que le permita vivir dignamente. Lo anterior supone una clara orientaci\u00f3n finalista de este derecho, lo que impone la adopci\u00f3n del mismo criterio para efectos de interpretar las disposiciones que regulan la materia. Si se busca garantizar el mayor nivel de ...<br \/><div class=\"pt-cv-rmwrap\"><a href=\"https:\/\/www.dmsjuridica.com\/buscador_20179478954\/corteconstitucionalcronologico202454587\/t-859-03\/\" class=\"_self pt-cv-readmore btn btn-success\" target=\"_self\">Ver Sentencia Completa...<\/a><\/div><\/div><\/div><\/div>\n<div class=\"col-md-12 col-sm-12 col-xs-12 pt-cv-content-item pt-cv-1-col\" ><div class='pt-cv-ifield'><a href=\"https:\/\/www.dmsjuridica.com\/buscador_20179478954\/corteconstitucionalcronologico202454587\/t-858-03\/\" class=\"_self pt-cv-href-thumbnail pt-cv-thumb-default\" target=\"_self\" ><\/a>\n<div class=\"pt-cv-taxoterm above_title\"><a href='https:\/\/www.dmsjuridica.com\/buscador_20179478954\/corteconstitucionalcronologico202454587\/category\/buscar-en-toda-la-corte\/2003\/tutelas-2003\/' title='Tutelas 2003' class='pt-cv-tax-tutelas-2003'>Tutelas 2003<\/a><\/div>\n<h4 class=\"pt-cv-title\"><a href=\"https:\/\/www.dmsjuridica.com\/buscador_20179478954\/corteconstitucionalcronologico202454587\/t-858-03\/\" class=\"_self\" target=\"_self\" >T-858-03<\/a><\/h4>\n<div class=\"pt-cv-content\">\u00a0 \u00a0 Sentencia T-858\/03 \u00a0 DERECHO A LA SEGURIDAD SOCIAL-Importancia \u00a0 En relaci\u00f3n con el derecho a la seguridad social, ya la Corte ha expresado que a pesar de no estar consagrado expresamente en la Carta Pol\u00edtica como fundamental, lo cierto es que adquiere tal car\u00e1cter cuando miradas las circunstancias de cada caso, su no reconocimiento tiene la potencialidad de poner en peligro derechos que s\u00ed ostentan la categor\u00eda de fundamentales. Igualmente, se ha afirmado que la seguridad social y concretamente la pensi\u00f3n de vejez es un derecho fundamental de aplicaci\u00f3n inmediata, cuando est\u00e1 destinada a suplir el m\u00ednimo vital ...<br \/><div class=\"pt-cv-rmwrap\"><a href=\"https:\/\/www.dmsjuridica.com\/buscador_20179478954\/corteconstitucionalcronologico202454587\/t-858-03\/\" class=\"_self pt-cv-readmore btn btn-success\" target=\"_self\">Ver Sentencia Completa...<\/a><\/div><\/div><\/div><\/div>\n<div class=\"col-md-12 col-sm-12 col-xs-12 pt-cv-content-item pt-cv-1-col\" ><div class='pt-cv-ifield'><a href=\"https:\/\/www.dmsjuridica.com\/buscador_20179478954\/corteconstitucionalcronologico202454587\/t-857-03\/\" class=\"_self pt-cv-href-thumbnail pt-cv-thumb-default\" target=\"_self\" ><\/a>\n<div class=\"pt-cv-taxoterm above_title\"><a href='https:\/\/www.dmsjuridica.com\/buscador_20179478954\/corteconstitucionalcronologico202454587\/category\/buscar-en-toda-la-corte\/2003\/tutelas-2003\/' title='Tutelas 2003' class='pt-cv-tax-tutelas-2003'>Tutelas 2003<\/a><\/div>\n<h4 class=\"pt-cv-title\"><a href=\"https:\/\/www.dmsjuridica.com\/buscador_20179478954\/corteconstitucionalcronologico202454587\/t-857-03\/\" class=\"_self\" target=\"_self\" >T-857-03<\/a><\/h4>\n<div class=\"pt-cv-content\">\u00a0 \u00a0 Sentencia T-857\/03 \u00a0 ACCION DE TUTELA CONTRA PROVIDENCIAS JUDICIALES-Procedencia excepcional\/VIA DE HECHO-Procedencia excepcional de tutela \u00a0 VIA DE HECHO-Clases de defectos en la actuaci\u00f3n \u00a0 DERECHO DE DEFENSA DEL TRABAJADOR-Garant\u00edas en el procedimiento para retirar del cargo a empleado del Inpec \u00a0 DEBIDO PROCESO-Despido de trabajador con fuero del Inpec por participaci\u00f3n en cese ilegal de actividades \u00a0 TRABAJADOR SINDICALIZADO-Despido sin calificaci\u00f3n judicial por participar en cese ilegal de actividades \u00a0 DEBIDO PROCESO Y DERECHO DE DEFENSA-Procedimiento y condiciones para retirar a trabajador con fuero del Inpec \u00a0 VIA DE HECHO-Defecto sustantivo por falta de consideraci\u00f3n de prueba ...<br \/><div class=\"pt-cv-rmwrap\"><a href=\"https:\/\/www.dmsjuridica.com\/buscador_20179478954\/corteconstitucionalcronologico202454587\/t-857-03\/\" class=\"_self pt-cv-readmore btn btn-success\" target=\"_self\">Ver Sentencia Completa...<\/a><\/div><\/div><\/div><\/div>\n<div class=\"col-md-12 col-sm-12 col-xs-12 pt-cv-content-item pt-cv-1-col\" ><div class='pt-cv-ifield'><a href=\"https:\/\/www.dmsjuridica.com\/buscador_20179478954\/corteconstitucionalcronologico202454587\/t-856-03\/\" class=\"_self pt-cv-href-thumbnail pt-cv-thumb-default\" target=\"_self\" ><\/a>\n<div class=\"pt-cv-taxoterm above_title\"><a href='https:\/\/www.dmsjuridica.com\/buscador_20179478954\/corteconstitucionalcronologico202454587\/category\/buscar-en-toda-la-corte\/2003\/tutelas-2003\/' title='Tutelas 2003' class='pt-cv-tax-tutelas-2003'>Tutelas 2003<\/a><\/div>\n<h4 class=\"pt-cv-title\"><a href=\"https:\/\/www.dmsjuridica.com\/buscador_20179478954\/corteconstitucionalcronologico202454587\/t-856-03\/\" class=\"_self\" target=\"_self\" >T-856-03<\/a><\/h4>\n<div class=\"pt-cv-content\">\u00a0 \u00a0 Sentencia T-856\/03 \u00a0 DERECHO A LA HONRA Y AL BUEN NOMBRE-Concepto \u00a0 La honra es un atributo inmanente que se deriva de su condici\u00f3n de ser humano y de la dignidad de las personas. El derecho al buen nombre constituye un aspecto del derecho a la dignidad y de la reputaci\u00f3n de las personas, y se define \u201ccomo \u00a0la buena opini\u00f3n o fama adquirida por un individuo en raz\u00f3n a la virtud y al m\u00e9rito, como consecuencia necesaria de las acciones protagonizadas por \u00e9l. \u00a0 Referencia: expediente T-744679 \u00a0 Peticionario: Andr\u00e9s Felipe G\u00f3mez \u00a0 Procedencia: Juzgado 68 Penal ...<br \/><div class=\"pt-cv-rmwrap\"><a href=\"https:\/\/www.dmsjuridica.com\/buscador_20179478954\/corteconstitucionalcronologico202454587\/t-856-03\/\" class=\"_self pt-cv-readmore btn btn-success\" target=\"_self\">Ver Sentencia Completa...<\/a><\/div><\/div><\/div><\/div>\n<div class=\"col-md-12 col-sm-12 col-xs-12 pt-cv-content-item pt-cv-1-col\" ><div class='pt-cv-ifield'><a href=\"https:\/\/www.dmsjuridica.com\/buscador_20179478954\/corteconstitucionalcronologico202454587\/t-855-03\/\" class=\"_self pt-cv-href-thumbnail pt-cv-thumb-default\" target=\"_self\" ><\/a>\n<div class=\"pt-cv-taxoterm above_title\"><a href='https:\/\/www.dmsjuridica.com\/buscador_20179478954\/corteconstitucionalcronologico202454587\/category\/buscar-en-toda-la-corte\/2003\/tutelas-2003\/' title='Tutelas 2003' class='pt-cv-tax-tutelas-2003'>Tutelas 2003<\/a><\/div>\n<h4 class=\"pt-cv-title\"><a href=\"https:\/\/www.dmsjuridica.com\/buscador_20179478954\/corteconstitucionalcronologico202454587\/t-855-03\/\" class=\"_self\" target=\"_self\" >T-855-03<\/a><\/h4>\n<div class=\"pt-cv-content\">\u00a0 \u00a0 Sentencia T-855\/03 \u00a0 NULIDAD SENTENCIA DE LA CORTE SUPREMA-Improcedencia por estar determinada la competencia para fallar en segunda instancia en tutela \u00a0 La Sala de Casaci\u00f3n Laboral es competente para conocer de la impugnaci\u00f3n de la sentencia proferida por la Sala de Casaci\u00f3n Civil, tal como lo prev\u00e9 el Acuerdo mencionado. Si el apoderado no comparte esta distribuci\u00f3n de competencias, el camino adecuado es interponer la acci\u00f3n p\u00fablica, ante la autoridad judicial correspondiente. Pero estando vigente el Acuerdo en menci\u00f3n, no hay lugar a que esta Sala de Revisi\u00f3n de la Corte Constitucional acceda a la nulidad solicitada, ...<br \/><div class=\"pt-cv-rmwrap\"><a href=\"https:\/\/www.dmsjuridica.com\/buscador_20179478954\/corteconstitucionalcronologico202454587\/t-855-03\/\" class=\"_self pt-cv-readmore btn btn-success\" target=\"_self\">Ver Sentencia Completa...<\/a><\/div><\/div><\/div><\/div>\n<div class=\"col-md-12 col-sm-12 col-xs-12 pt-cv-content-item pt-cv-1-col\" ><div class='pt-cv-ifield'><a href=\"https:\/\/www.dmsjuridica.com\/buscador_20179478954\/corteconstitucionalcronologico202454587\/t-854-03\/\" class=\"_self pt-cv-href-thumbnail pt-cv-thumb-default\" target=\"_self\" ><\/a>\n<div class=\"pt-cv-taxoterm above_title\"><a href='https:\/\/www.dmsjuridica.com\/buscador_20179478954\/corteconstitucionalcronologico202454587\/category\/buscar-en-toda-la-corte\/2003\/tutelas-2003\/' title='Tutelas 2003' class='pt-cv-tax-tutelas-2003'>Tutelas 2003<\/a><\/div>\n<h4 class=\"pt-cv-title\"><a href=\"https:\/\/www.dmsjuridica.com\/buscador_20179478954\/corteconstitucionalcronologico202454587\/t-854-03\/\" class=\"_self\" target=\"_self\" >T-854-03<\/a><\/h4>\n<div class=\"pt-cv-content\">\u00a0 \u00a0 Sentencia T-854\/03 \u00a0 ACCION DE TUTELA CONTRA PROVIDENCIAS JUDICIALES-Procedencia excepcional\/VIA DE HECHO-Procedencia excepcional de tutela \u00a0 VIA DE HECHO EN PROCESO PENAL-Inexistencia por cuanto Resoluci\u00f3n Inhibitoria se dict\u00f3 con base en pruebas aportadas\u00a0 \u00a0 En ning\u00fan momento se observa que la Fiscal\u00eda hubiera incurrido en una ostensible equivocaci\u00f3n en la valoraci\u00f3n probatoria. Cosa distinta es que el demandante no comparte las conclusiones a las que llegaron los dos Fiscales, asunto que carece de relevancia constitucional. \u00a0 Referencia: expediente T-610464 \u00a0 Acci\u00f3n de tutela instaurada por Ricardo Escobar R\u00edos en contra de la Fiscal\u00eda Delegada ante el Tribunal Superior ...<br \/><div class=\"pt-cv-rmwrap\"><a href=\"https:\/\/www.dmsjuridica.com\/buscador_20179478954\/corteconstitucionalcronologico202454587\/t-854-03\/\" class=\"_self pt-cv-readmore btn btn-success\" target=\"_self\">Ver Sentencia Completa...<\/a><\/div><\/div><\/div><\/div>\n<div class=\"col-md-12 col-sm-12 col-xs-12 pt-cv-content-item pt-cv-1-col\" ><div class='pt-cv-ifield'><a href=\"https:\/\/www.dmsjuridica.com\/buscador_20179478954\/corteconstitucionalcronologico202454587\/t-853-03\/\" class=\"_self pt-cv-href-thumbnail pt-cv-thumb-default\" target=\"_self\" ><\/a>\n<div class=\"pt-cv-taxoterm above_title\"><a href='https:\/\/www.dmsjuridica.com\/buscador_20179478954\/corteconstitucionalcronologico202454587\/category\/buscar-en-toda-la-corte\/2003\/tutelas-2003\/' title='Tutelas 2003' class='pt-cv-tax-tutelas-2003'>Tutelas 2003<\/a><\/div>\n<h4 class=\"pt-cv-title\"><a href=\"https:\/\/www.dmsjuridica.com\/buscador_20179478954\/corteconstitucionalcronologico202454587\/t-853-03\/\" class=\"_self\" target=\"_self\" >T-853-03<\/a><\/h4>\n<div class=\"pt-cv-content\">\u00a0 \u00a0 Sentencia T-853\/03 \u00a0 VIA DE HECHO EN PROCESO LABORAL-No se present\u00f3 valoraci\u00f3n indebida de las pruebas para establecer la fecha en que se dio por terminado el contrato de trabajo \u00a0 ACCION DE TUTELA CONTRA PROVIDENCIAS JUDICIALES-Procedencia excepcional\/ACCION DE TUTELA CONTRA PROVIDENCIAS DE LA CORTE SUPREMA DE JUSTICIA-Procedencia excepcional por v\u00eda de hecho \u00a0 La Corte Constitucional ha explicado de manera uniforme y reiterada que la acci\u00f3n de tutela procede contra providencias judiciales, dentro de las cuales se encuentran incluidas las sentencias dictadas por la Corte Suprema de Justicia cuando act\u00faa como tribunal de casaci\u00f3n, ya que se ...<br \/><div class=\"pt-cv-rmwrap\"><a href=\"https:\/\/www.dmsjuridica.com\/buscador_20179478954\/corteconstitucionalcronologico202454587\/t-853-03\/\" class=\"_self pt-cv-readmore btn btn-success\" target=\"_self\">Ver Sentencia Completa...<\/a><\/div><\/div><\/div><\/div>\n<div class=\"col-md-12 col-sm-12 col-xs-12 pt-cv-content-item pt-cv-1-col\" ><div class='pt-cv-ifield'><a href=\"https:\/\/www.dmsjuridica.com\/buscador_20179478954\/corteconstitucionalcronologico202454587\/t-852-03\/\" class=\"_self pt-cv-href-thumbnail pt-cv-thumb-default\" target=\"_self\" ><\/a>\n<div class=\"pt-cv-taxoterm above_title\"><a href='https:\/\/www.dmsjuridica.com\/buscador_20179478954\/corteconstitucionalcronologico202454587\/category\/buscar-en-toda-la-corte\/2003\/tutelas-2003\/' title='Tutelas 2003' class='pt-cv-tax-tutelas-2003'>Tutelas 2003<\/a><\/div>\n<h4 class=\"pt-cv-title\"><a href=\"https:\/\/www.dmsjuridica.com\/buscador_20179478954\/corteconstitucionalcronologico202454587\/t-852-03\/\" class=\"_self\" target=\"_self\" >T-852-03<\/a><\/h4>\n<div class=\"pt-cv-content\">DERECHO A LA SALUD-Protecci\u00f3n \u00a0 DERECHO A LA SALUD-Limitaci\u00f3n visual \u00a0 Sobre la base de que las afecciones que menoscaban la visi\u00f3n de una persona, reducen y limitan su calidad de vida y le impiden al individuo usar adecuadamente uno de sus sentidos, la intervenci\u00f3n del juez constitucional se ha hecho necesaria en los casos citados, para restaurar a la persona en su dignidad y en su integridad f\u00edsica. En ambas circunstancias, las tutelas han tenido como norte la jurisprudencia que sostiene que si bien el derecho a la salud no es un derecho fundamental aut\u00f3nomo, la Corte lo ha ...<br \/><div class=\"pt-cv-rmwrap\"><a href=\"https:\/\/www.dmsjuridica.com\/buscador_20179478954\/corteconstitucionalcronologico202454587\/t-852-03\/\" class=\"_self pt-cv-readmore btn btn-success\" target=\"_self\">Ver Sentencia Completa...<\/a><\/div><\/div><\/div><\/div>\n<div class=\"col-md-12 col-sm-12 col-xs-12 pt-cv-content-item pt-cv-1-col\" ><div class='pt-cv-ifield'><a href=\"https:\/\/www.dmsjuridica.com\/buscador_20179478954\/corteconstitucionalcronologico202454587\/t-851-03\/\" class=\"_self pt-cv-href-thumbnail pt-cv-thumb-default\" target=\"_self\" ><\/a>\n<div class=\"pt-cv-taxoterm above_title\"><a href='https:\/\/www.dmsjuridica.com\/buscador_20179478954\/corteconstitucionalcronologico202454587\/category\/buscar-en-toda-la-corte\/2003\/tutelas-2003\/' title='Tutelas 2003' class='pt-cv-tax-tutelas-2003'>Tutelas 2003<\/a><\/div>\n<h4 class=\"pt-cv-title\"><a href=\"https:\/\/www.dmsjuridica.com\/buscador_20179478954\/corteconstitucionalcronologico202454587\/t-851-03\/\" class=\"_self\" target=\"_self\" >T-851-03<\/a><\/h4>\n<div class=\"pt-cv-content\">\u00a0 \u00a0 Sentencia T-851\/03 \u00a0 LICENCIA DE MATERNIDAD-Procedencia excepcional para proteger m\u00ednimo vital de la madre y su hijo \u00a0 Es por esto que la Corte Constitucional en reiterada jurisprudencia, ha permitido que excepcionalmente la tutela sea el mecanismo adecuado para lograr el reconocimiento y pago de la prestaci\u00f3n econ\u00f3mica derivada de la licencia de maternidad, cuando la ausencia de este pago vulnera directamente el m\u00ednimo vital de la madre y del reci\u00e9n nacido, quien al igual que \u00e9sta dada la prevalencia de sus derechos sobre los de los dem\u00e1s, goza de especial protecci\u00f3n no s\u00f3lo por parte del Estado, ...<br \/><div class=\"pt-cv-rmwrap\"><a href=\"https:\/\/www.dmsjuridica.com\/buscador_20179478954\/corteconstitucionalcronologico202454587\/t-851-03\/\" class=\"_self pt-cv-readmore btn btn-success\" target=\"_self\">Ver Sentencia Completa...<\/a><\/div><\/div><\/div><\/div>\n<div class=\"col-md-12 col-sm-12 col-xs-12 pt-cv-content-item pt-cv-1-col\" ><div class='pt-cv-ifield'><a href=\"https:\/\/www.dmsjuridica.com\/buscador_20179478954\/corteconstitucionalcronologico202454587\/t-850-03\/\" class=\"_self pt-cv-href-thumbnail pt-cv-thumb-default\" target=\"_self\" ><\/a>\n<div class=\"pt-cv-taxoterm above_title\"><a href='https:\/\/www.dmsjuridica.com\/buscador_20179478954\/corteconstitucionalcronologico202454587\/category\/buscar-en-toda-la-corte\/2003\/tutelas-2003\/' title='Tutelas 2003' class='pt-cv-tax-tutelas-2003'>Tutelas 2003<\/a><\/div>\n<h4 class=\"pt-cv-title\"><a href=\"https:\/\/www.dmsjuridica.com\/buscador_20179478954\/corteconstitucionalcronologico202454587\/t-850-03\/\" class=\"_self\" target=\"_self\" >T-850-03<\/a><\/h4>\n<div class=\"pt-cv-content\">\u00a0 \u00a0 Sentencia T-850\/03 \u00a0 NOTA DE RELATORIA: Esta posici\u00f3n jurisprudencial se cambi\u00f3 en sentencia T-999\/03 \u00a0 Reiteraci\u00f3n de Jurisprudencia \u00a0 Referencia: expediente T-757550 \u00a0 Acci\u00f3n de tutela instaurada por Paula Andrea Avenda\u00f1o Tamayo contra \u00a0SaludCoop E.P.S. . \u00a0 Magistrado Ponente: \u00a0 Dr. ALVARO TAFUR GALVIS\u00a0 \u00a0 Bogot\u00e1 D. C., veinticinco (25) de septiembre de dos mil tres (2003). \u00a0 La Sala Octava de Revisi\u00f3n de la Corte Constitucional, integrada por los magistrados Alvaro Tafur Galvis, Clara In\u00e9s Vargas Hern\u00e1ndez y Jaime Araujo Renter\u00eda, en ejercicio de sus competencias constitucionales y legales, espec\u00edficamente las previstas en los art\u00edculos 86 y ...<br \/><div class=\"pt-cv-rmwrap\"><a href=\"https:\/\/www.dmsjuridica.com\/buscador_20179478954\/corteconstitucionalcronologico202454587\/t-850-03\/\" class=\"_self pt-cv-readmore btn btn-success\" target=\"_self\">Ver Sentencia Completa...<\/a><\/div><\/div><\/div><\/div>\n<div class=\"col-md-12 col-sm-12 col-xs-12 pt-cv-content-item pt-cv-1-col\" ><div class='pt-cv-ifield'><a href=\"https:\/\/www.dmsjuridica.com\/buscador_20179478954\/corteconstitucionalcronologico202454587\/t-849-03\/\" class=\"_self pt-cv-href-thumbnail pt-cv-thumb-default\" target=\"_self\" ><\/a>\n<div class=\"pt-cv-taxoterm above_title\"><a href='https:\/\/www.dmsjuridica.com\/buscador_20179478954\/corteconstitucionalcronologico202454587\/category\/buscar-en-toda-la-corte\/2003\/tutelas-2003\/' title='Tutelas 2003' class='pt-cv-tax-tutelas-2003'>Tutelas 2003<\/a><\/div>\n<h4 class=\"pt-cv-title\"><a href=\"https:\/\/www.dmsjuridica.com\/buscador_20179478954\/corteconstitucionalcronologico202454587\/t-849-03\/\" class=\"_self\" target=\"_self\" >T-849-03<\/a><\/h4>\n<div class=\"pt-cv-content\">\u00a0 \u00a0 Sentencia T-849\/03 \u00a0 DERECHO A LA SALUD-Vulneraci\u00f3n por no prestaci\u00f3n oportuna de atenci\u00f3n m\u00e9dica ordenada \u00a0 La Corte ha indicado para esos eventos, que la prolongaci\u00f3n en el tiempo de un padecimiento en la salud, que puede verificarse o atenderse con la pr\u00e1ctica de un tratamiento ordenado, vulnera el derecho constitucional fundamental a la vida en condiciones de dignidad, adem\u00e1s de carecer de justificaci\u00f3n a partir de argumentos presupuestales.\u00a0 \u00a0 DERECHO A LA SALUD-Vulneraci\u00f3n por tardanza en tratamiento por vencimiento de contrato\u00a0 \u00a0 Cuando una entidad de salud, en raz\u00f3n a tr\u00e1mites burocr\u00e1ticos y administrativos tales como el ...<br \/><div class=\"pt-cv-rmwrap\"><a href=\"https:\/\/www.dmsjuridica.com\/buscador_20179478954\/corteconstitucionalcronologico202454587\/t-849-03\/\" class=\"_self pt-cv-readmore btn btn-success\" target=\"_self\">Ver Sentencia Completa...<\/a><\/div><\/div><\/div><\/div>\n<div class=\"col-md-12 col-sm-12 col-xs-12 pt-cv-content-item pt-cv-1-col\" ><div class='pt-cv-ifield'><a href=\"https:\/\/www.dmsjuridica.com\/buscador_20179478954\/corteconstitucionalcronologico202454587\/t-848-03\/\" class=\"_self pt-cv-href-thumbnail pt-cv-thumb-default\" target=\"_self\" ><\/a>\n<div class=\"pt-cv-taxoterm above_title\"><a href='https:\/\/www.dmsjuridica.com\/buscador_20179478954\/corteconstitucionalcronologico202454587\/category\/buscar-en-toda-la-corte\/2003\/tutelas-2003\/' title='Tutelas 2003' class='pt-cv-tax-tutelas-2003'>Tutelas 2003<\/a><\/div>\n<h4 class=\"pt-cv-title\"><a href=\"https:\/\/www.dmsjuridica.com\/buscador_20179478954\/corteconstitucionalcronologico202454587\/t-848-03\/\" class=\"_self\" target=\"_self\" >T-848-03<\/a><\/h4>\n<div class=\"pt-cv-content\">\u00a0 \u00a0 Sentencia T-848\/03 \u00a0 LICENCIA DE MATERNIDAD-Procedencia excepcional de tutela para el pago \u00a0 Reiteraci\u00f3n de Jurisprudencia \u00a0 Referencia: expediente T-760092 \u00a0 Acci\u00f3n de tutela instaurada por la se\u00f1ora Carolina Londo\u00f1o Hoyos contra COOMEVA E.P.S. \u00a0 Magistrado Ponente: \u00a0 Dr. ALVARO TAFUR GALVIS \u00a0 Bogot\u00e1 D.C., veinticinco (25) de septiembre de dos mil tres (2003). \u00a0 La Sala Octava de Revisi\u00f3n de la Corte Constitucional, integrada por los magistrados Alvaro Tafur Galvis, Clara In\u00e9s Vargas Hern\u00e1ndez y Jaime Ara\u00fajo Renter\u00eda, en ejercicio de sus competencias constitucionales y legales, espec\u00edficamente las previstas en los art\u00edculos 86 y 241, numeral 9, ...<br \/><div class=\"pt-cv-rmwrap\"><a href=\"https:\/\/www.dmsjuridica.com\/buscador_20179478954\/corteconstitucionalcronologico202454587\/t-848-03\/\" class=\"_self pt-cv-readmore btn btn-success\" target=\"_self\">Ver Sentencia Completa...<\/a><\/div><\/div><\/div><\/div>\n<div class=\"col-md-12 col-sm-12 col-xs-12 pt-cv-content-item pt-cv-1-col\" ><div class='pt-cv-ifield'><a href=\"https:\/\/www.dmsjuridica.com\/buscador_20179478954\/corteconstitucionalcronologico202454587\/t-847-03\/\" class=\"_self pt-cv-href-thumbnail pt-cv-thumb-default\" target=\"_self\" ><\/a>\n<div class=\"pt-cv-taxoterm above_title\"><a href='https:\/\/www.dmsjuridica.com\/buscador_20179478954\/corteconstitucionalcronologico202454587\/category\/buscar-en-toda-la-corte\/2003\/tutelas-2003\/' title='Tutelas 2003' class='pt-cv-tax-tutelas-2003'>Tutelas 2003<\/a><\/div>\n<h4 class=\"pt-cv-title\"><a href=\"https:\/\/www.dmsjuridica.com\/buscador_20179478954\/corteconstitucionalcronologico202454587\/t-847-03\/\" class=\"_self\" target=\"_self\" >T-847-03<\/a><\/h4>\n<div class=\"pt-cv-content\">\u00a0 \u00a0 Sentencia T-847\/03 \u00a0 ACCION DE TUTELA-Procedencia excepcional pago de acreencias laborales \u00a0 Referencia: expediente T-700878 y acumulados \u00a0 Acciones de tutela instauradas por Jorge Arias Nope, Pedro Alfonso Rinc\u00f3n Legu\u00edzamo, Carlos Julio Laverde Cort\u00e9s y Cesar Augusto Rizo D\u00edaz contra la Compa\u00f1\u00eda de Inversiones de la Flota Mercante -CIFM, la Federaci\u00f3n Nacional de Cafeteros, la Sociedad Fiduciaria Industrial FIDUIFI S.A., la Superintendencia de Sociedades y el Ministerio de Hacienda y Cr\u00e9dito p\u00fablico \u00a0 Magistrado Ponente: \u00a0 Dr. MANUEL JOS\u00c9 CEPEDA ESPINOSA \u00a0 Bogot\u00e1 D.C., veinticinco (25) de septiembre de dos mil tres (2003). \u00a0 La Sala Tercera de ...<br \/><div class=\"pt-cv-rmwrap\"><a href=\"https:\/\/www.dmsjuridica.com\/buscador_20179478954\/corteconstitucionalcronologico202454587\/t-847-03\/\" class=\"_self pt-cv-readmore btn btn-success\" target=\"_self\">Ver Sentencia Completa...<\/a><\/div><\/div><\/div><\/div>\n<div class=\"col-md-12 col-sm-12 col-xs-12 pt-cv-content-item pt-cv-1-col\" ><div class='pt-cv-ifield'><a href=\"https:\/\/www.dmsjuridica.com\/buscador_20179478954\/corteconstitucionalcronologico202454587\/t-846-03\/\" class=\"_self pt-cv-href-thumbnail pt-cv-thumb-default\" target=\"_self\" ><\/a>\n<div class=\"pt-cv-taxoterm above_title\"><a href='https:\/\/www.dmsjuridica.com\/buscador_20179478954\/corteconstitucionalcronologico202454587\/category\/buscar-en-toda-la-corte\/2003\/tutelas-2003\/' title='Tutelas 2003' class='pt-cv-tax-tutelas-2003'>Tutelas 2003<\/a><\/div>\n<h4 class=\"pt-cv-title\"><a href=\"https:\/\/www.dmsjuridica.com\/buscador_20179478954\/corteconstitucionalcronologico202454587\/t-846-03\/\" class=\"_self\" target=\"_self\" >T-846-03<\/a><\/h4>\n<div class=\"pt-cv-content\">\u00a0 \u00a0 Sentencia T-846\/03 \u00a0 DERECHO DE PETICION FRENTE A PARTICULARES-Situaciones que se deben diferenciar \u00a0 La Corte ha considerado que cuando el derecho de petici\u00f3n se formula ante particulares, es necesario separar tres situaciones: 1. Cuando el particular presta un servicio p\u00fablico o cuando realiza funciones de autoridad. El derecho de petici\u00f3n opera igual como si se dirigiera contra la administraci\u00f3n. 2. Cuando el derecho de petici\u00f3n se constituye en un medio para obtener la efectividad de otro derecho fundamental, puede protegerse de manera inmediata. 3. Pero, si la tutela se dirige contra particulares que no act\u00faan como autoridad, ...<br \/><div class=\"pt-cv-rmwrap\"><a href=\"https:\/\/www.dmsjuridica.com\/buscador_20179478954\/corteconstitucionalcronologico202454587\/t-846-03\/\" class=\"_self pt-cv-readmore btn btn-success\" target=\"_self\">Ver Sentencia Completa...<\/a><\/div><\/div><\/div><\/div>\n<div class=\"col-md-12 col-sm-12 col-xs-12 pt-cv-content-item pt-cv-1-col\" ><div class='pt-cv-ifield'><a href=\"https:\/\/www.dmsjuridica.com\/buscador_20179478954\/corteconstitucionalcronologico202454587\/t-845-03\/\" class=\"_self pt-cv-href-thumbnail pt-cv-thumb-default\" target=\"_self\" ><\/a>\n<div class=\"pt-cv-taxoterm above_title\"><a href='https:\/\/www.dmsjuridica.com\/buscador_20179478954\/corteconstitucionalcronologico202454587\/category\/buscar-en-toda-la-corte\/2003\/tutelas-2003\/' title='Tutelas 2003' class='pt-cv-tax-tutelas-2003'>Tutelas 2003<\/a><\/div>\n<h4 class=\"pt-cv-title\"><a href=\"https:\/\/www.dmsjuridica.com\/buscador_20179478954\/corteconstitucionalcronologico202454587\/t-845-03\/\" class=\"_self\" target=\"_self\" >T-845-03<\/a><\/h4>\n<div class=\"pt-cv-content\">\u00a0 \u00a0 Sentencia T-845\/03 \u00a0 DERECHO A LA SEGURIDAD SOCIAL-Garant\u00edas m\u00ednimas para docentes\/DERECHO A LA SEGURIDAD SOCIAL-Limitaci\u00f3n legal en la libertad de escogencia de entidad prestadora de salud \u00a0 La afiliaci\u00f3n a este Fondo es de car\u00e1cter obligatorio, tal como lo indica el \u00a0art\u00edculo 4\u00ba de la Ley 91 de 1989, car\u00e1cter sobre el que se ocup\u00f3 la sentencia SU-559 de 1997 de esta Corporaci\u00f3n, en la que fij\u00f3 jurisprudencia en este sentido. El car\u00e1cter obligatorio de la afiliaci\u00f3n quiere decir que los maestros no gozan de la facultad de escoger libremente la entidad prestadora de salud de su preferencia, ...<br \/><div class=\"pt-cv-rmwrap\"><a href=\"https:\/\/www.dmsjuridica.com\/buscador_20179478954\/corteconstitucionalcronologico202454587\/t-845-03\/\" class=\"_self pt-cv-readmore btn btn-success\" target=\"_self\">Ver Sentencia Completa...<\/a><\/div><\/div><\/div><\/div>\n<div class=\"col-md-12 col-sm-12 col-xs-12 pt-cv-content-item pt-cv-1-col\" ><div class='pt-cv-ifield'><a href=\"https:\/\/www.dmsjuridica.com\/buscador_20179478954\/corteconstitucionalcronologico202454587\/t-844-03\/\" class=\"_self pt-cv-href-thumbnail pt-cv-thumb-default\" target=\"_self\" ><\/a>\n<div class=\"pt-cv-taxoterm above_title\"><a href='https:\/\/www.dmsjuridica.com\/buscador_20179478954\/corteconstitucionalcronologico202454587\/category\/buscar-en-toda-la-corte\/2003\/tutelas-2003\/' title='Tutelas 2003' class='pt-cv-tax-tutelas-2003'>Tutelas 2003<\/a><\/div>\n<h4 class=\"pt-cv-title\"><a href=\"https:\/\/www.dmsjuridica.com\/buscador_20179478954\/corteconstitucionalcronologico202454587\/t-844-03\/\" class=\"_self\" target=\"_self\" >T-844-03<\/a><\/h4>\n<div class=\"pt-cv-content\">\u00a0 \u00a0 Sentencia T-844\/03 \u00a0 DERECHO AL DEBIDO PROCESO Y VIA DE HECHO EN QUERELLA POLICIVA \u00a0 Referencia: expediente T-754429 \u00a0 Actor: Luis \u00c1ngel Figueroa Hern\u00e1ndez en contra de la Alcald\u00eda Municipal de Coello - Tolima. \u00a0 Procedencia: Juzgado Promiscuo Municipal de Coello \u2013 Tolima. \u00a0 Magistrado Ponente: \u00a0 Bogot\u00e1 D. C., veinticinco (25) de septiembre de dos mil tres (2003). \u00a0 La Sala Segunda de Revisi\u00f3n de la Corte Constitucional, integrada por los magistrados Alfredo Beltr\u00e1n Sierra, Manuel Jos\u00e9 Cepeda Espinosa y Jaime C\u00f3rdoba Trivi\u00f1o, en ejercicio de sus competencias constitucionales y legales, ha proferido la siguiente \u00a0 SENTENCIA ...<br \/><div class=\"pt-cv-rmwrap\"><a href=\"https:\/\/www.dmsjuridica.com\/buscador_20179478954\/corteconstitucionalcronologico202454587\/t-844-03\/\" class=\"_self pt-cv-readmore btn btn-success\" target=\"_self\">Ver Sentencia Completa...<\/a><\/div><\/div><\/div><\/div>\n<div class=\"col-md-12 col-sm-12 col-xs-12 pt-cv-content-item pt-cv-1-col\" ><div class='pt-cv-ifield'><a href=\"https:\/\/www.dmsjuridica.com\/buscador_20179478954\/corteconstitucionalcronologico202454587\/t-843-03\/\" class=\"_self pt-cv-href-thumbnail pt-cv-thumb-default\" target=\"_self\" ><\/a>\n<div class=\"pt-cv-taxoterm above_title\"><a href='https:\/\/www.dmsjuridica.com\/buscador_20179478954\/corteconstitucionalcronologico202454587\/category\/buscar-en-toda-la-corte\/2003\/tutelas-2003\/' title='Tutelas 2003' class='pt-cv-tax-tutelas-2003'>Tutelas 2003<\/a><\/div>\n<h4 class=\"pt-cv-title\"><a href=\"https:\/\/www.dmsjuridica.com\/buscador_20179478954\/corteconstitucionalcronologico202454587\/t-843-03\/\" class=\"_self\" target=\"_self\" >T-843-03<\/a><\/h4>\n<div class=\"pt-cv-content\">\u00a0 \u00a0 Sentencia T-843\/03 \u00a0 DERECHO A LA SALUD Y AL DIAGNOSTICO \u00a0 Cuando no se realiza un examen que ayudar\u00eda a precisar la enfermedad \u00a0del paciente, para posteriormente determinar el tratamiento necesario, se pone en peligro el derecho fundamental a la salud. Esta Sala no comparte el criterio de la EPS Susalud, al considerar que el examen solicitado por la demandante no era determinante para su tratamiento, igualmente debieron los jueces de instancia tener en cuenta el dictamen del m\u00e9dico legista, cuando hace referencia a que \"la resonancia nuclear magn\u00e9tica permitir\u00eda llegar a un diagn\u00f3stico que explique todos los ...<br \/><div class=\"pt-cv-rmwrap\"><a href=\"https:\/\/www.dmsjuridica.com\/buscador_20179478954\/corteconstitucionalcronologico202454587\/t-843-03\/\" class=\"_self pt-cv-readmore btn btn-success\" target=\"_self\">Ver Sentencia Completa...<\/a><\/div><\/div><\/div><\/div>\n<div class=\"col-md-12 col-sm-12 col-xs-12 pt-cv-content-item pt-cv-1-col\" ><div class='pt-cv-ifield'><a href=\"https:\/\/www.dmsjuridica.com\/buscador_20179478954\/corteconstitucionalcronologico202454587\/t-834-03\/\" class=\"_self pt-cv-href-thumbnail pt-cv-thumb-default\" target=\"_self\" ><\/a>\n<div class=\"pt-cv-taxoterm above_title\"><a href='https:\/\/www.dmsjuridica.com\/buscador_20179478954\/corteconstitucionalcronologico202454587\/category\/buscar-en-toda-la-corte\/2003\/tutelas-2003\/' title='Tutelas 2003' class='pt-cv-tax-tutelas-2003'>Tutelas 2003<\/a><\/div>\n<h4 class=\"pt-cv-title\"><a href=\"https:\/\/www.dmsjuridica.com\/buscador_20179478954\/corteconstitucionalcronologico202454587\/t-834-03\/\" class=\"_self\" target=\"_self\" >T-834-03<\/a><\/h4>\n<div class=\"pt-cv-content\">\u00a0 \u00a0 Sentencia T-834\/03 \u00a0 ACCION DE TUTELA-Hecho superado por estarse prestando los servicios m\u00e9dicos requeridos por un menor\u00a0 \u00a0 Reiteraci\u00f3n de Jurisprudencia \u00a0 Referencia: expediente T-742493 \u00a0 Acci\u00f3n de tutela instaurada por Mar\u00eda Bertilda Roa G\u00f3mez contra la Secretar\u00eda de Salud Departamental de Cali y el Hospital Universitario \u00a0Evaristo Garc\u00eda. \u00a0 Magistrado Ponente: \u00a0 Dr. MANUEL JOS\u00c9 CEPEDA ESPINOSA \u00a0 Bogot\u00e1, D. C., once (11) de septiembre de dos mil tres (2003). \u00a0 La Sala Tercera de Revisi\u00f3n de la Corte Constitucional, en ejercicio de sus competencias constitucionales y legales, en particular las contenidas en los art\u00edculos 86 y ...<br \/><div class=\"pt-cv-rmwrap\"><a href=\"https:\/\/www.dmsjuridica.com\/buscador_20179478954\/corteconstitucionalcronologico202454587\/t-834-03\/\" class=\"_self pt-cv-readmore btn btn-success\" target=\"_self\">Ver Sentencia Completa...<\/a><\/div><\/div><\/div><\/div>\n<div class=\"col-md-12 col-sm-12 col-xs-12 pt-cv-content-item pt-cv-1-col\" ><div class='pt-cv-ifield'><a href=\"https:\/\/www.dmsjuridica.com\/buscador_20179478954\/corteconstitucionalcronologico202454587\/t-833-03\/\" class=\"_self pt-cv-href-thumbnail pt-cv-thumb-default\" target=\"_self\" ><\/a>\n<div class=\"pt-cv-taxoterm above_title\"><a href='https:\/\/www.dmsjuridica.com\/buscador_20179478954\/corteconstitucionalcronologico202454587\/category\/buscar-en-toda-la-corte\/2003\/tutelas-2003\/' title='Tutelas 2003' class='pt-cv-tax-tutelas-2003'>Tutelas 2003<\/a><\/div>\n<h4 class=\"pt-cv-title\"><a href=\"https:\/\/www.dmsjuridica.com\/buscador_20179478954\/corteconstitucionalcronologico202454587\/t-833-03\/\" class=\"_self\" target=\"_self\" >T-833-03<\/a><\/h4>\n<div class=\"pt-cv-content\">\u00a0 \u00a0 Sentencia T-833\/03 \u00a0 ACCION DE TUTELA-Hecho superado por informaci\u00f3n que permite reconocimiento de pensi\u00f3n \u00a0 Referencia: expediente T-692451 \u00a0 Acci\u00f3n de tutela instaurada por Alvaro Alfonso Rojas Su\u00e1rez contra Abbott Laboratories de Colombia S.A. \u00a0 Dr. JAIME C\u00d3RDOBA TRIVI\u00d1O \u00a0 Bogot\u00e1, D.C., veintid\u00f3s (22) de septiembre de dos mil tres (2003). \u00a0 La Sala Cuarta de Revisi\u00f3n de la Corte Constitucional, en ejercicio de sus competencias constitucionales y legales, espec\u00edficamente las previstas en los art\u00edculos 86 y 241 numeral 9 de la Constituci\u00f3n Pol\u00edtica y en el Decreto 2591 de 1991, profiere la siguiente \u00a0 SENTENCIA \u00a0 dentro ...<br \/><div class=\"pt-cv-rmwrap\"><a href=\"https:\/\/www.dmsjuridica.com\/buscador_20179478954\/corteconstitucionalcronologico202454587\/t-833-03\/\" class=\"_self pt-cv-readmore btn btn-success\" target=\"_self\">Ver Sentencia Completa...<\/a><\/div><\/div><\/div><\/div>\n<div class=\"col-md-12 col-sm-12 col-xs-12 pt-cv-content-item pt-cv-1-col\" ><div class='pt-cv-ifield'><a href=\"https:\/\/www.dmsjuridica.com\/buscador_20179478954\/corteconstitucionalcronologico202454587\/t-832-03\/\" class=\"_self pt-cv-href-thumbnail pt-cv-thumb-default\" target=\"_self\" ><\/a>\n<div class=\"pt-cv-taxoterm above_title\"><a href='https:\/\/www.dmsjuridica.com\/buscador_20179478954\/corteconstitucionalcronologico202454587\/category\/buscar-en-toda-la-corte\/2003\/tutelas-2003\/' title='Tutelas 2003' class='pt-cv-tax-tutelas-2003'>Tutelas 2003<\/a><\/div>\n<h4 class=\"pt-cv-title\"><a href=\"https:\/\/www.dmsjuridica.com\/buscador_20179478954\/corteconstitucionalcronologico202454587\/t-832-03\/\" class=\"_self\" target=\"_self\" >T-832-03<\/a><\/h4>\n<div class=\"pt-cv-content\">\u00a0 \u00a0 Sentencia T-832\/03 \u00a0 PROCESO DE RESPONSABILIDAD FISCAL-Naturaleza \u00a0 El proceso de responsabilidad es un proceso administrativo a trav\u00e9s del cual se determina la responsabilidad patrimonial de los agentes estatales o particulares que cumplen gesti\u00f3n fiscal. \u00a0Se trata de un \u00e1mbito de la funci\u00f3n administrativa que debe dinamizarse con estricto apego a la Constituci\u00f3n y a la ley. \u00a0 \u00a0 PROCESO DE RESPONSABILIDAD FISCAL-Mecanismos de control\/ACCION DE TUTELA EN PROCESO DE RESPONSABILIDAD FISCAL-Procedencia excepcional \u00a0 Como \u00e1mbito de la funci\u00f3n administrativa, el proceso de responsabilidad fiscal cuenta con dos mecanismos de control. El primero, de \u00edndole administrativa y de ...<br \/><div class=\"pt-cv-rmwrap\"><a href=\"https:\/\/www.dmsjuridica.com\/buscador_20179478954\/corteconstitucionalcronologico202454587\/t-832-03\/\" class=\"_self pt-cv-readmore btn btn-success\" target=\"_self\">Ver Sentencia Completa...<\/a><\/div><\/div><\/div><\/div>\n<div class=\"col-md-12 col-sm-12 col-xs-12 pt-cv-content-item pt-cv-1-col\" ><div class='pt-cv-ifield'><a href=\"https:\/\/www.dmsjuridica.com\/buscador_20179478954\/corteconstitucionalcronologico202454587\/t-831-03\/\" class=\"_self pt-cv-href-thumbnail pt-cv-thumb-default\" target=\"_self\" ><\/a>\n<div class=\"pt-cv-taxoterm above_title\"><a href='https:\/\/www.dmsjuridica.com\/buscador_20179478954\/corteconstitucionalcronologico202454587\/category\/buscar-en-toda-la-corte\/2003\/tutelas-2003\/' title='Tutelas 2003' class='pt-cv-tax-tutelas-2003'>Tutelas 2003<\/a><\/div>\n<h4 class=\"pt-cv-title\"><a href=\"https:\/\/www.dmsjuridica.com\/buscador_20179478954\/corteconstitucionalcronologico202454587\/t-831-03\/\" class=\"_self\" target=\"_self\" >T-831-03<\/a><\/h4>\n<div class=\"pt-cv-content\">\u00a0 \u00a0 Sentencia T-831\/03 \u00a0 TERMINOS EN MATERIA PENSIONAL-Deben cumplirse exactamente \u00a0 Las entidades p\u00fablicas o privadas del Sistema General de Pensiones cuentan con un plazo m\u00e1ximo de seis (6) meses contados a partir de la radicaci\u00f3n de una solicitud de reconocimiento de un derecho pensional, para realizar los tr\u00e1mites que sean necesarios para pagar la pensi\u00f3n respectiva. Dentro de estos seis (6) meses se encuentran previstos los siguientes plazos que se inician junto con la presentaci\u00f3n de la solicitud: quince (15) d\u00edas para informarle al peticionario las indicaciones que sean necesarias para poder darle impulso al tr\u00e1mite y cuatro ...<br \/><div class=\"pt-cv-rmwrap\"><a href=\"https:\/\/www.dmsjuridica.com\/buscador_20179478954\/corteconstitucionalcronologico202454587\/t-831-03\/\" class=\"_self pt-cv-readmore btn btn-success\" target=\"_self\">Ver Sentencia Completa...<\/a><\/div><\/div><\/div><\/div>\n<div class=\"col-md-12 col-sm-12 col-xs-12 pt-cv-content-item pt-cv-1-col\" ><div class='pt-cv-ifield'><a href=\"https:\/\/www.dmsjuridica.com\/buscador_20179478954\/corteconstitucionalcronologico202454587\/t-829-03\/\" class=\"_self pt-cv-href-thumbnail pt-cv-thumb-default\" target=\"_self\" ><\/a>\n<div class=\"pt-cv-taxoterm above_title\"><a href='https:\/\/www.dmsjuridica.com\/buscador_20179478954\/corteconstitucionalcronologico202454587\/category\/buscar-en-toda-la-corte\/2003\/tutelas-2003\/' title='Tutelas 2003' class='pt-cv-tax-tutelas-2003'>Tutelas 2003<\/a><\/div>\n<h4 class=\"pt-cv-title\"><a href=\"https:\/\/www.dmsjuridica.com\/buscador_20179478954\/corteconstitucionalcronologico202454587\/t-829-03\/\" class=\"_self\" target=\"_self\" >T-829-03<\/a><\/h4>\n<div class=\"pt-cv-content\">\u00a0 \u00a0 Sentencia T-829\/03 \u00a0 DERECHO A LA EDUCACION-Acceso a limitados f\u00edsicos\/DERECHO A LA EDUCACION-Estudiante con limitaci\u00f3n auditiva \u00a0 Esta nueva dimensi\u00f3n del derecho a la educaci\u00f3n, que resalta la indiscutible funci\u00f3n de igualdad que corresponde a los derechos fundamentales en el Estado Social de Derecho, muestra c\u00f3mo, mediante la actuaci\u00f3n del Estado, es posible propiciar condiciones para la integraci\u00f3n de las personas con limitaciones auditivas no s\u00f3lo al sistema de educaci\u00f3n, sino sobre todo, al marco m\u00e1s amplio de la sociedad. En este proceso se genera una doble provisi\u00f3n de beneficios para la poblaci\u00f3n sorda, la cual, por un ...<br \/><div class=\"pt-cv-rmwrap\"><a href=\"https:\/\/www.dmsjuridica.com\/buscador_20179478954\/corteconstitucionalcronologico202454587\/t-829-03\/\" class=\"_self pt-cv-readmore btn btn-success\" target=\"_self\">Ver Sentencia Completa...<\/a><\/div><\/div><\/div><\/div>\n<div class=\"col-md-12 col-sm-12 col-xs-12 pt-cv-content-item pt-cv-1-col\" ><div class='pt-cv-ifield'><a href=\"https:\/\/www.dmsjuridica.com\/buscador_20179478954\/corteconstitucionalcronologico202454587\/t-827-03\/\" class=\"_self pt-cv-href-thumbnail pt-cv-thumb-default\" target=\"_self\" ><\/a>\n<div class=\"pt-cv-taxoterm above_title\"><a href='https:\/\/www.dmsjuridica.com\/buscador_20179478954\/corteconstitucionalcronologico202454587\/category\/buscar-en-toda-la-corte\/2003\/tutelas-2003\/' title='Tutelas 2003' class='pt-cv-tax-tutelas-2003'>Tutelas 2003<\/a><\/div>\n<h4 class=\"pt-cv-title\"><a href=\"https:\/\/www.dmsjuridica.com\/buscador_20179478954\/corteconstitucionalcronologico202454587\/t-827-03\/\" class=\"_self\" target=\"_self\" >T-827-03<\/a><\/h4>\n<div class=\"pt-cv-content\">\u00a0 \u00a0 Sentencia T-827\/03 \u00a0 ACCION DE TUTELA-Subsidiariedad \u00a0 Se ha sostenido que la acci\u00f3n de tutela no fue dise\u00f1ada como un mecanismo judicial adicional, supletorio o complementario a las v\u00edas ordinarias a las cuales en principio se debe acudir para garantizar la protecci\u00f3n de los derechos. Por el contrario, es un medio de defensa judicial subsidiario y residual llamado a utilizarse en ausencia de otro mecanismo de protecci\u00f3n judicial, o cuando existiendo \u00e9ste, se acude a la tutela como mecanismo transitorio para evitar un perjuicio irremediable. En los t\u00e9rminos de la jurisprudencia, la acci\u00f3n de tutela ha sido concebida ...<br \/><div class=\"pt-cv-rmwrap\"><a href=\"https:\/\/www.dmsjuridica.com\/buscador_20179478954\/corteconstitucionalcronologico202454587\/t-827-03\/\" class=\"_self pt-cv-readmore btn btn-success\" target=\"_self\">Ver Sentencia Completa...<\/a><\/div><\/div><\/div><\/div>\n<div class=\"col-md-12 col-sm-12 col-xs-12 pt-cv-content-item pt-cv-1-col\" ><div class='pt-cv-ifield'><a href=\"https:\/\/www.dmsjuridica.com\/buscador_20179478954\/corteconstitucionalcronologico202454587\/t-826-03\/\" class=\"_self pt-cv-href-thumbnail pt-cv-thumb-default\" target=\"_self\" ><\/a>\n<div class=\"pt-cv-taxoterm above_title\"><a href='https:\/\/www.dmsjuridica.com\/buscador_20179478954\/corteconstitucionalcronologico202454587\/category\/buscar-en-toda-la-corte\/2003\/tutelas-2003\/' title='Tutelas 2003' class='pt-cv-tax-tutelas-2003'>Tutelas 2003<\/a><\/div>\n<h4 class=\"pt-cv-title\"><a href=\"https:\/\/www.dmsjuridica.com\/buscador_20179478954\/corteconstitucionalcronologico202454587\/t-826-03\/\" class=\"_self\" target=\"_self\" >T-826-03<\/a><\/h4>\n<div class=\"pt-cv-content\">\u00a0 \u00a0 Sentencia T-826\/03 \u00a0 AUTONOMIA UNIVERSITARIA Y REGLAMENTO ESTUDIANTIL-Car\u00e1cter vinculante\u00a0 \u00a0 El Reglamento Estudiantil concreta jur\u00eddicamente los postulados de la autonom\u00eda universitaria, desarrolla los fundamentos ideol\u00f3gicos y filos\u00f3ficos del centro educativo superior que lo expide, establece la estructura administrativa, acad\u00e9mica y presupuestal de la universidad y, en relaci\u00f3n con los derechos y deberes de quienes integran la comunidad universitaria, constituye el l\u00edmite a sus comportamientos. \u00a0 REGLAMENTO ESTUDIANTIL-Concepto\/REGLAMENTO ESTUDIANTIL-Naturaleza jur\u00eddica \u00a0 Los Reglamentos Universitarios tienen la virtud de servir de medio para la concreci\u00f3n de los derechos y de las obligaciones que pesan sobre las autoridades acad\u00e9micas, como tambi\u00e9n ...<br \/><div class=\"pt-cv-rmwrap\"><a href=\"https:\/\/www.dmsjuridica.com\/buscador_20179478954\/corteconstitucionalcronologico202454587\/t-826-03\/\" class=\"_self pt-cv-readmore btn btn-success\" target=\"_self\">Ver Sentencia Completa...<\/a><\/div><\/div><\/div><\/div>\n<div class=\"col-md-12 col-sm-12 col-xs-12 pt-cv-content-item pt-cv-1-col\" ><div class='pt-cv-ifield'><a href=\"https:\/\/www.dmsjuridica.com\/buscador_20179478954\/corteconstitucionalcronologico202454587\/t-825-03\/\" class=\"_self pt-cv-href-thumbnail pt-cv-thumb-default\" target=\"_self\" ><\/a>\n<div class=\"pt-cv-taxoterm above_title\"><a href='https:\/\/www.dmsjuridica.com\/buscador_20179478954\/corteconstitucionalcronologico202454587\/category\/buscar-en-toda-la-corte\/2003\/tutelas-2003\/' title='Tutelas 2003' class='pt-cv-tax-tutelas-2003'>Tutelas 2003<\/a><\/div>\n<h4 class=\"pt-cv-title\"><a href=\"https:\/\/www.dmsjuridica.com\/buscador_20179478954\/corteconstitucionalcronologico202454587\/t-825-03\/\" class=\"_self\" target=\"_self\" >T-825-03<\/a><\/h4>\n<div class=\"pt-cv-content\">\u00a0 \u00a0 Sentencia T-825\/03 \u00a0 IUS VARIANDI-Flexibilidad en plantas de personal global y flexible\/IUS VARIANDI-L\u00edmites \u00a0 Cualquier empleador tiene la atribuci\u00f3n de modificar las condiciones de sus trabajadores en las vertientes de tiempo, modo, cantidad y lugar, lo cual constituye un ejercicio de su poder subordinante como expresi\u00f3n del ius variandi. \u00a0Para la esfera de lo p\u00fablico pueden existir plantas de car\u00e1cter global y flexible que facilitan movimiento de personal con miras a garantizar el cumplimiento de los fines del Estado. \u00a0 \u00a0 IUS VARIANDI-Procedencia excepcional de la tutela \u00a0 La propia Corte ha reconocido que de manera excepcional y ...<br \/><div class=\"pt-cv-rmwrap\"><a href=\"https:\/\/www.dmsjuridica.com\/buscador_20179478954\/corteconstitucionalcronologico202454587\/t-825-03\/\" class=\"_self pt-cv-readmore btn btn-success\" target=\"_self\">Ver Sentencia Completa...<\/a><\/div><\/div><\/div><\/div>\n<div class=\"col-md-12 col-sm-12 col-xs-12 pt-cv-content-item pt-cv-1-col\" ><div class='pt-cv-ifield'><a href=\"https:\/\/www.dmsjuridica.com\/buscador_20179478954\/corteconstitucionalcronologico202454587\/t-822-03\/\" class=\"_self pt-cv-href-thumbnail pt-cv-thumb-default\" target=\"_self\" ><\/a>\n<div class=\"pt-cv-taxoterm above_title\"><a href='https:\/\/www.dmsjuridica.com\/buscador_20179478954\/corteconstitucionalcronologico202454587\/category\/buscar-en-toda-la-corte\/2003\/tutelas-2003\/' title='Tutelas 2003' class='pt-cv-tax-tutelas-2003'>Tutelas 2003<\/a><\/div>\n<h4 class=\"pt-cv-title\"><a href=\"https:\/\/www.dmsjuridica.com\/buscador_20179478954\/corteconstitucionalcronologico202454587\/t-822-03\/\" class=\"_self\" target=\"_self\" >T-822-03<\/a><\/h4>\n<div class=\"pt-cv-content\">\u00a0 \u00a0 Sentencia T-822\/03 \u00a0 DERECHO A LA INFORMACION-Redenominaci\u00f3n de cr\u00e9ditos hipotecarios \u00a0 La obligaci\u00f3n de informar hace parte de la motivaci\u00f3n, luego la orden de informar no debe interpretarse restrictivamente, sino que se predica con mayor raz\u00f3n para todos aquellos establecimientos que prestan dinero para la vivienda social. Esta \u00faltima es la interpretaci\u00f3n adoptada por la Corte Constitucional en la sentencia C-955 de 2000. En ella se argument\u00f3 que el derecho de informaci\u00f3n es para todos los usuarios en virtud del principio de transparencia y seguridad. \u00a0 FONDO NACIONAL DEL AHORRO-Deber de informar a usuarios la redenominaci\u00f3n de cr\u00e9ditos ...<br \/><div class=\"pt-cv-rmwrap\"><a href=\"https:\/\/www.dmsjuridica.com\/buscador_20179478954\/corteconstitucionalcronologico202454587\/t-822-03\/\" class=\"_self pt-cv-readmore btn btn-success\" target=\"_self\">Ver Sentencia Completa...<\/a><\/div><\/div><\/div><\/div>\n<div class=\"col-md-12 col-sm-12 col-xs-12 pt-cv-content-item pt-cv-1-col\" ><div class='pt-cv-ifield'><a href=\"https:\/\/www.dmsjuridica.com\/buscador_20179478954\/corteconstitucionalcronologico202454587\/t-821-03\/\" class=\"_self pt-cv-href-thumbnail pt-cv-thumb-default\" target=\"_self\" ><\/a>\n<div class=\"pt-cv-taxoterm above_title\"><a href='https:\/\/www.dmsjuridica.com\/buscador_20179478954\/corteconstitucionalcronologico202454587\/category\/buscar-en-toda-la-corte\/2003\/tutelas-2003\/' title='Tutelas 2003' class='pt-cv-tax-tutelas-2003'>Tutelas 2003<\/a><\/div>\n<h4 class=\"pt-cv-title\"><a href=\"https:\/\/www.dmsjuridica.com\/buscador_20179478954\/corteconstitucionalcronologico202454587\/t-821-03\/\" class=\"_self\" target=\"_self\" >T-821-03<\/a><\/h4>\n<div class=\"pt-cv-content\">\u00a0 \u00a0 Sentencia T-821\/03 \u00a0 DERECHO A LA SALUD-Fundamental por conexidad con la vida \u00a0 INAPLICACION DE NORMAS DEL PLAN OBLIGATORIO DE SALUD-Casos en que procede por exclusi\u00f3n de tratamientos y medicamentos de alto costo \u00a0 ENTIDAD PROMOTORA DE SALUD-Atenci\u00f3n de tratamiento m\u00e9dico excluido del POS\/ENTIDAD PROMOTORA DE SALUD-Repetici\u00f3n contra el Fosyga \u00a0 Referencia: expediente T-756131 \u00a0 Actor: Constantino Obando Escobar \u00a0 Procedencia: Juzgado Noveno Municipal de Medell\u00edn. \u00a0 Magistrado Ponente: \u00a0 Dr. MARCO GERARDO MONROY CABRA \u00a0 Bogot\u00e1 D.C., dieciocho (18) de septiembre de dos mil tres (2003). \u00a0 La Sala Sexta de Revisi\u00f3n de la Corte Constitucional, integrada ...<br \/><div class=\"pt-cv-rmwrap\"><a href=\"https:\/\/www.dmsjuridica.com\/buscador_20179478954\/corteconstitucionalcronologico202454587\/t-821-03\/\" class=\"_self pt-cv-readmore btn btn-success\" target=\"_self\">Ver Sentencia Completa...<\/a><\/div><\/div><\/div><\/div>\n<div class=\"col-md-12 col-sm-12 col-xs-12 pt-cv-content-item pt-cv-1-col\" ><div class='pt-cv-ifield'><a href=\"https:\/\/www.dmsjuridica.com\/buscador_20179478954\/corteconstitucionalcronologico202454587\/t-820-03\/\" class=\"_self pt-cv-href-thumbnail pt-cv-thumb-default\" target=\"_self\" ><\/a>\n<div class=\"pt-cv-taxoterm above_title\"><a href='https:\/\/www.dmsjuridica.com\/buscador_20179478954\/corteconstitucionalcronologico202454587\/category\/buscar-en-toda-la-corte\/2003\/tutelas-2003\/' title='Tutelas 2003' class='pt-cv-tax-tutelas-2003'>Tutelas 2003<\/a><\/div>\n<h4 class=\"pt-cv-title\"><a href=\"https:\/\/www.dmsjuridica.com\/buscador_20179478954\/corteconstitucionalcronologico202454587\/t-820-03\/\" class=\"_self\" target=\"_self\" >T-820-03<\/a><\/h4>\n<div class=\"pt-cv-content\">\u00a0 \u00a0 Sentencia T-820\/03 \u00a0 Referencia: expedientes T-752506, T-752600, T-753729, T-754307, T-754340, T-754122, T-755236, T-754187, T-754359, T-754387, T-753018, T-754862 T755938, T-758643, y T-758203 \u00a0 Peticionario: Heriberto Cardona Trujillo y otros \u00a0 Accionado: Seguro Social y Caja Nacional de Prestaciones (Cajanal) \u00a0 Magistrado Ponente: \u00a0 Dr. MARCO GERARDO MONROY CABRA \u00a0 Bogot\u00e1 D. C., dieciocho (18) de septiembre de dos mil tres (2003). \u00a0 La Sala Sexta de la Corte Constitucional, integrada por los Magistrados Eduardo Montealegre Lynett, \u00c1lvaro Tafur Galvis y Marco Gerardo Monroy Cabra, quien la preside, \u00a0en ejercicio de sus competencias constitucionales y legales ha pronunciado la siguiente\u00a0 ...<br \/><div class=\"pt-cv-rmwrap\"><a href=\"https:\/\/www.dmsjuridica.com\/buscador_20179478954\/corteconstitucionalcronologico202454587\/t-820-03\/\" class=\"_self pt-cv-readmore btn btn-success\" target=\"_self\">Ver Sentencia Completa...<\/a><\/div><\/div><\/div><\/div>\n<div class=\"col-md-12 col-sm-12 col-xs-12 pt-cv-content-item pt-cv-1-col\" ><div class='pt-cv-ifield'><a href=\"https:\/\/www.dmsjuridica.com\/buscador_20179478954\/corteconstitucionalcronologico202454587\/t-819-03\/\" class=\"_self pt-cv-href-thumbnail pt-cv-thumb-default\" target=\"_self\" ><\/a>\n<div class=\"pt-cv-taxoterm above_title\"><a href='https:\/\/www.dmsjuridica.com\/buscador_20179478954\/corteconstitucionalcronologico202454587\/category\/buscar-en-toda-la-corte\/2003\/tutelas-2003\/' title='Tutelas 2003' class='pt-cv-tax-tutelas-2003'>Tutelas 2003<\/a><\/div>\n<h4 class=\"pt-cv-title\"><a href=\"https:\/\/www.dmsjuridica.com\/buscador_20179478954\/corteconstitucionalcronologico202454587\/t-819-03\/\" class=\"_self\" target=\"_self\" >T-819-03<\/a><\/h4>\n<div class=\"pt-cv-content\">\u00a0 \u00a0 Sentencia T-819\/03 \u00a0 DERECHO A LA SALUD DE MENOR DE EDAD DISCAPACITADO-Protecci\u00f3n preferente \u00a0 El derecho a la salud de los menores de edad es fundamental. Sin embargo el fallo de instancia estudiado no hace referencia alguna a tal car\u00e1cter esencial. Por el contrario desarrolla el concepto de la conexidad citando, sin que fuese pertinente, la jurisprudencia de la Corte al respecto, olvidando la prevalencia de los derechos de los ni\u00f1os y el car\u00e1cter del derecho a la salud, el cual no requiere de ninguna relaci\u00f3n con otro derecho fundamental, para establecer su naturaleza fundamental. As\u00ed mismo el ...<br \/><div class=\"pt-cv-rmwrap\"><a href=\"https:\/\/www.dmsjuridica.com\/buscador_20179478954\/corteconstitucionalcronologico202454587\/t-819-03\/\" class=\"_self pt-cv-readmore btn btn-success\" target=\"_self\">Ver Sentencia Completa...<\/a><\/div><\/div><\/div><\/div>\n<div class=\"col-md-12 col-sm-12 col-xs-12 pt-cv-content-item pt-cv-1-col\" ><div class='pt-cv-ifield'><a href=\"https:\/\/www.dmsjuridica.com\/buscador_20179478954\/corteconstitucionalcronologico202454587\/t-818-03\/\" class=\"_self pt-cv-href-thumbnail pt-cv-thumb-default\" target=\"_self\" ><\/a>\n<div class=\"pt-cv-taxoterm above_title\"><a href='https:\/\/www.dmsjuridica.com\/buscador_20179478954\/corteconstitucionalcronologico202454587\/category\/buscar-en-toda-la-corte\/2003\/tutelas-2003\/' title='Tutelas 2003' class='pt-cv-tax-tutelas-2003'>Tutelas 2003<\/a><\/div>\n<h4 class=\"pt-cv-title\"><a href=\"https:\/\/www.dmsjuridica.com\/buscador_20179478954\/corteconstitucionalcronologico202454587\/t-818-03\/\" class=\"_self\" target=\"_self\" >T-818-03<\/a><\/h4>\n<div class=\"pt-cv-content\">\u00a0 \u00a0 Sentencia T-818\/03 \u00a0 ACCION DE TUTELA CONTRA PROVIDENCIAS JUDICIALES POR VIA DE HECHO-Desconocimiento de prueba pericial \u00a0 Referencia: expediente T-745186 \u00a0 Peticionario: Ignacio Zarache Varelo \u00a0 Procedencia: Corte Suprema de Justicia, Sala de Casaci\u00f3n Laboral. \u00a0 Magistrado ponente: \u00a0 Dr. JAIME ARA\u00daJO RENTER\u00cdA \u00a0 Bogot\u00e1, D. C., dieciocho (18) de septiembre de dos mil tres (2003). \u00a0 La Sala Primera de Revisi\u00f3n de la Corte Constitucional, integrada por los magistrados JAIME ARA\u00daJO RENTER\u00cdA, ALFREDO BELTR\u00c1N SIERRA y MANUEL JOS\u00c9 CEPEDA ESPINOSA, en ejercicio de sus competencias constitucionales y legales, ha proferido la siguiente \u00a0 SENTENCIA \u00a0 En el ...<br \/><div class=\"pt-cv-rmwrap\"><a href=\"https:\/\/www.dmsjuridica.com\/buscador_20179478954\/corteconstitucionalcronologico202454587\/t-818-03\/\" class=\"_self pt-cv-readmore btn btn-success\" target=\"_self\">Ver Sentencia Completa...<\/a><\/div><\/div><\/div><\/div>\n<div class=\"col-md-12 col-sm-12 col-xs-12 pt-cv-content-item pt-cv-1-col\" ><div class='pt-cv-ifield'><a href=\"https:\/\/www.dmsjuridica.com\/buscador_20179478954\/corteconstitucionalcronologico202454587\/t-817-03\/\" class=\"_self pt-cv-href-thumbnail pt-cv-thumb-default\" target=\"_self\" ><\/a>\n<div class=\"pt-cv-taxoterm above_title\"><a href='https:\/\/www.dmsjuridica.com\/buscador_20179478954\/corteconstitucionalcronologico202454587\/category\/buscar-en-toda-la-corte\/2003\/tutelas-2003\/' title='Tutelas 2003' class='pt-cv-tax-tutelas-2003'>Tutelas 2003<\/a><\/div>\n<h4 class=\"pt-cv-title\"><a href=\"https:\/\/www.dmsjuridica.com\/buscador_20179478954\/corteconstitucionalcronologico202454587\/t-817-03\/\" class=\"_self\" target=\"_self\" >T-817-03<\/a><\/h4>\n<div class=\"pt-cv-content\">\u00a0 \u00a0 Sentencia T-817\/03 \u00a0 DERECHO A LA SALUD DEL MENOR-Fundamental\u00a0 \u00a0 Cuando est\u00e1 en riesgo la salud o la integridad f\u00edsica de un menor, no se requiere que est\u00e9 en conexidad con la vida o con otro derecho fundamental, pues por s\u00ed mismo tiene esta naturaleza. Por lo anterior, cuando una entidad prestadora de servicios de salud no practica a un menor un examen ordenado por su m\u00e9dico tratante no est\u00e1 ejerciendo una facultad legal sino menoscabando derechos fundamentales de un menor de edad. \u00a0 ACCION DE TUTELA-Hecho superado por realizaci\u00f3n de examen m\u00e9dico \u00a0 Reiteraci\u00f3n de Jurisprudencia \u00a0 ...<br \/><div class=\"pt-cv-rmwrap\"><a href=\"https:\/\/www.dmsjuridica.com\/buscador_20179478954\/corteconstitucionalcronologico202454587\/t-817-03\/\" class=\"_self pt-cv-readmore btn btn-success\" target=\"_self\">Ver Sentencia Completa...<\/a><\/div><\/div><\/div><\/div>\n<div class=\"col-md-12 col-sm-12 col-xs-12 pt-cv-content-item pt-cv-1-col\" ><div class='pt-cv-ifield'><a href=\"https:\/\/www.dmsjuridica.com\/buscador_20179478954\/corteconstitucionalcronologico202454587\/t-816-03\/\" class=\"_self pt-cv-href-thumbnail pt-cv-thumb-default\" target=\"_self\" ><\/a>\n<div class=\"pt-cv-taxoterm above_title\"><a href='https:\/\/www.dmsjuridica.com\/buscador_20179478954\/corteconstitucionalcronologico202454587\/category\/buscar-en-toda-la-corte\/2003\/tutelas-2003\/' title='Tutelas 2003' class='pt-cv-tax-tutelas-2003'>Tutelas 2003<\/a><\/div>\n<h4 class=\"pt-cv-title\"><a href=\"https:\/\/www.dmsjuridica.com\/buscador_20179478954\/corteconstitucionalcronologico202454587\/t-816-03\/\" class=\"_self\" target=\"_self\" >T-816-03<\/a><\/h4>\n<div class=\"pt-cv-content\">\u00a0 \u00a0 Sentencia T-816\/03 \u00a0 DERECHO AL TRABAJO-Pago de salarios \u00a0 La Corte Constitucional ha sido enf\u00e1tica en se\u00f1alar que el salario que recibe un trabajador por la labor prestada constituye elemento necesario para su subsistencia, al ser ese dinero el elemento que cubre sus necesidades b\u00e1sicas. La no cancelaci\u00f3n de dicho emolumento afecta el m\u00ednimo vital del trabajador y de su familia y por consiguiente, se causa un perjuicio irremediable, que debe evitarse o subsanarse mediante la acci\u00f3n de tutela, por cuanto el desorden administrativo o los malos manejos presupuestarios que pueden llevar a una cesaci\u00f3n de pagos no ...<br \/><div class=\"pt-cv-rmwrap\"><a href=\"https:\/\/www.dmsjuridica.com\/buscador_20179478954\/corteconstitucionalcronologico202454587\/t-816-03\/\" class=\"_self pt-cv-readmore btn btn-success\" target=\"_self\">Ver Sentencia Completa...<\/a><\/div><\/div><\/div><\/div>\n<div class=\"col-md-12 col-sm-12 col-xs-12 pt-cv-content-item pt-cv-1-col\" ><div class='pt-cv-ifield'><a href=\"https:\/\/www.dmsjuridica.com\/buscador_20179478954\/corteconstitucionalcronologico202454587\/t-815-03\/\" class=\"_self pt-cv-href-thumbnail pt-cv-thumb-default\" target=\"_self\" ><\/a>\n<div class=\"pt-cv-taxoterm above_title\"><a href='https:\/\/www.dmsjuridica.com\/buscador_20179478954\/corteconstitucionalcronologico202454587\/category\/buscar-en-toda-la-corte\/2003\/tutelas-2003\/' title='Tutelas 2003' class='pt-cv-tax-tutelas-2003'>Tutelas 2003<\/a><\/div>\n<h4 class=\"pt-cv-title\"><a href=\"https:\/\/www.dmsjuridica.com\/buscador_20179478954\/corteconstitucionalcronologico202454587\/t-815-03\/\" class=\"_self\" target=\"_self\" >T-815-03<\/a><\/h4>\n<div class=\"pt-cv-content\">\u00a0 \u00a0 Sentencia T-815\/03 \u00a0 TRASLADO DE DOCENTE-Caracter\u00edsticas para que proceda \u00a0 Cuando los docentes, sus hijos, o alg\u00fan otro miembro de la familia padecen quebrantos de salud, ya sea a nivel f\u00edsico o mental, que evidencien la necesidad de un cambio de sede o de jornada como en este caso, no s\u00f3lo para la lograr la recuperaci\u00f3n \u00a0del docente, sino tambi\u00e9n para alcanzar la mejor\u00eda f\u00edsica y emocional que demanden quienes depende del docente, es deber de la administraci\u00f3n, y llegado el caso del juez constitucional, dar un trato diferencial positivo, garantizando con ello los derechos al trabajo en ...<br \/><div class=\"pt-cv-rmwrap\"><a href=\"https:\/\/www.dmsjuridica.com\/buscador_20179478954\/corteconstitucionalcronologico202454587\/t-815-03\/\" class=\"_self pt-cv-readmore btn btn-success\" target=\"_self\">Ver Sentencia Completa...<\/a><\/div><\/div><\/div><\/div>\n<div class=\"col-md-12 col-sm-12 col-xs-12 pt-cv-content-item pt-cv-1-col\" ><div class='pt-cv-ifield'><a href=\"https:\/\/www.dmsjuridica.com\/buscador_20179478954\/corteconstitucionalcronologico202454587\/t-814-03\/\" class=\"_self pt-cv-href-thumbnail pt-cv-thumb-default\" target=\"_self\" ><\/a>\n<div class=\"pt-cv-taxoterm above_title\"><a href='https:\/\/www.dmsjuridica.com\/buscador_20179478954\/corteconstitucionalcronologico202454587\/category\/buscar-en-toda-la-corte\/2003\/tutelas-2003\/' title='Tutelas 2003' class='pt-cv-tax-tutelas-2003'>Tutelas 2003<\/a><\/div>\n<h4 class=\"pt-cv-title\"><a href=\"https:\/\/www.dmsjuridica.com\/buscador_20179478954\/corteconstitucionalcronologico202454587\/t-814-03\/\" class=\"_self\" target=\"_self\" >T-814-03<\/a><\/h4>\n<div class=\"pt-cv-content\">\u00a0 \u00a0 Sentencia T-814\/03 \u00a0 DERECHO AL BUEN NOMBRE-Presupuesto para su protecci\u00f3n \u00a0 La protecci\u00f3n del buen nombre tiene como presupuesto que la acci\u00f3n social de su titular corresponda con la fama o reputaci\u00f3n que tiene en su entorno social. Sin embargo, las personas que hacen parte de este entorno tambi\u00e9n tienen derecho a conocer su conducta, ya que pueden verse afectadas por ella. Por lo tanto, en la pr\u00e1ctica, el derecho al buen nombre suele entrar en tensi\u00f3n con el derecho a la informaci\u00f3n. Como resultado de esta tensi\u00f3n, el buen nombre limita el ejercicio del derecho a informar, ...<br \/><div class=\"pt-cv-rmwrap\"><a href=\"https:\/\/www.dmsjuridica.com\/buscador_20179478954\/corteconstitucionalcronologico202454587\/t-814-03\/\" class=\"_self pt-cv-readmore btn btn-success\" target=\"_self\">Ver Sentencia Completa...<\/a><\/div><\/div><\/div><\/div>\n<div class=\"col-md-12 col-sm-12 col-xs-12 pt-cv-content-item pt-cv-1-col\" ><div class='pt-cv-ifield'><a href=\"https:\/\/www.dmsjuridica.com\/buscador_20179478954\/corteconstitucionalcronologico202454587\/t-813-03\/\" class=\"_self pt-cv-href-thumbnail pt-cv-thumb-default\" target=\"_self\" ><\/a>\n<div class=\"pt-cv-taxoterm above_title\"><a href='https:\/\/www.dmsjuridica.com\/buscador_20179478954\/corteconstitucionalcronologico202454587\/category\/buscar-en-toda-la-corte\/2003\/tutelas-2003\/' title='Tutelas 2003' class='pt-cv-tax-tutelas-2003'>Tutelas 2003<\/a><\/div>\n<h4 class=\"pt-cv-title\"><a href=\"https:\/\/www.dmsjuridica.com\/buscador_20179478954\/corteconstitucionalcronologico202454587\/t-813-03\/\" class=\"_self\" target=\"_self\" >T-813-03<\/a><\/h4>\n<div class=\"pt-cv-content\">\u00a0 \u00a0 Sentencia T-813\/03 \u00a0 DERECHO A LA SALUD-Protecci\u00f3n especial por parte del Estado a poblaci\u00f3n vulnerable \u00a0 Al r\u00e9gimen subsidiado establecido por la Ley 100 de 1993, pertenecen las personas integrantes de los estratos 1 y 2, es decir, la poblaci\u00f3n m\u00e1s pobre y vulnerable del pa\u00eds en las \u00e1reas rural y urbana, con especial \u00e9nfasis: las madres durante el embarazo, parto, post parto y lactancia, las madres comunitarias, las mujeres cabeza de familia, los ni\u00f1os menores de un a\u00f1o, los enfermos de Hansen, las personas mayores de 65 a\u00f1os, los discapacitados, los campesinos, las comunidades ind\u00edgenas, los artistas ...<br \/><div class=\"pt-cv-rmwrap\"><a href=\"https:\/\/www.dmsjuridica.com\/buscador_20179478954\/corteconstitucionalcronologico202454587\/t-813-03\/\" class=\"_self pt-cv-readmore btn btn-success\" target=\"_self\">Ver Sentencia Completa...<\/a><\/div><\/div><\/div><\/div>\n<div class=\"col-md-12 col-sm-12 col-xs-12 pt-cv-content-item pt-cv-1-col\" ><div class='pt-cv-ifield'><a href=\"https:\/\/www.dmsjuridica.com\/buscador_20179478954\/corteconstitucionalcronologico202454587\/t-812-03\/\" class=\"_self pt-cv-href-thumbnail pt-cv-thumb-default\" target=\"_self\" ><\/a>\n<div class=\"pt-cv-taxoterm above_title\"><a href='https:\/\/www.dmsjuridica.com\/buscador_20179478954\/corteconstitucionalcronologico202454587\/category\/buscar-en-toda-la-corte\/2003\/tutelas-2003\/' title='Tutelas 2003' class='pt-cv-tax-tutelas-2003'>Tutelas 2003<\/a><\/div>\n<h4 class=\"pt-cv-title\"><a href=\"https:\/\/www.dmsjuridica.com\/buscador_20179478954\/corteconstitucionalcronologico202454587\/t-812-03\/\" class=\"_self\" target=\"_self\" >T-812-03<\/a><\/h4>\n<div class=\"pt-cv-content\">\u00a0 \u00a0 Sentencia T-812\/03 \u00a0 ACCION DE TUTELA CONTRA PROVIDENCIAS JUDICIALES-Improcedencia por no ejercicio oportuno de mecanismos de defensa judicial\/ACCION DE TUTELA CONTRA PROVIDENCIAS JUDICIALES-Procedencia excepcional \u00a0 Trat\u00e1ndose de la acci\u00f3n de tutela contra providencias judiciales en firme, no puede atribuirse al afectado el tiempo transcurrido en el tr\u00e1mite del asunto, porque las acciones de tutela no tienen caducidad, y \u00e9sta, cuando por ministerio de la ley opera, se basa en la inactividad voluntaria de las partes, es decir que no considera la demora en la definici\u00f3n de los juicios, no atribuible a \u00e9stas. No puede, en consecuencia, el juez ...<br \/><div class=\"pt-cv-rmwrap\"><a href=\"https:\/\/www.dmsjuridica.com\/buscador_20179478954\/corteconstitucionalcronologico202454587\/t-812-03\/\" class=\"_self pt-cv-readmore btn btn-success\" target=\"_self\">Ver Sentencia Completa...<\/a><\/div><\/div><\/div><\/div>\n<div class=\"col-md-12 col-sm-12 col-xs-12 pt-cv-content-item pt-cv-1-col\" ><div class='pt-cv-ifield'><a href=\"https:\/\/www.dmsjuridica.com\/buscador_20179478954\/corteconstitucionalcronologico202454587\/t-811-03\/\" class=\"_self pt-cv-href-thumbnail pt-cv-thumb-default\" target=\"_self\" ><\/a>\n<div class=\"pt-cv-taxoterm above_title\"><a href='https:\/\/www.dmsjuridica.com\/buscador_20179478954\/corteconstitucionalcronologico202454587\/category\/buscar-en-toda-la-corte\/2003\/tutelas-2003\/' title='Tutelas 2003' class='pt-cv-tax-tutelas-2003'>Tutelas 2003<\/a><\/div>\n<h4 class=\"pt-cv-title\"><a href=\"https:\/\/www.dmsjuridica.com\/buscador_20179478954\/corteconstitucionalcronologico202454587\/t-811-03\/\" class=\"_self\" target=\"_self\" >T-811-03<\/a><\/h4>\n<div class=\"pt-cv-content\">\u00a0 \u00a0 Sentencia T-811\/03 \u00a0 ACCION DE TUTELA CONTRA PROCURADOR GENERAL DE LA NACION\/PARTE CIVIL-Concepci\u00f3n constitucional amplia \u00a0 Al analizar esta Corporaci\u00f3n una demanda de inconstitucionalidad formulada contra el art\u00edculo 137 del C\u00f3digo de Procedimiento Penal (Ley 600 de 2000), consider\u00f3 procedente modificar la posici\u00f3n acogida en la sentencia C-293 de 1995, seg\u00fan la cual, el papel de la parte civil se limitaba a la b\u00fasqueda de una reparaci\u00f3n econ\u00f3mica dentro del proceso penal, para dar paso a una posici\u00f3n aceptada en el \u00e1mbito nacional como internacional, seg\u00fan la cual, la v\u00edctima o perjudicado por un delito no s\u00f3lo tiene ...<br \/><div class=\"pt-cv-rmwrap\"><a href=\"https:\/\/www.dmsjuridica.com\/buscador_20179478954\/corteconstitucionalcronologico202454587\/t-811-03\/\" class=\"_self pt-cv-readmore btn btn-success\" target=\"_self\">Ver Sentencia Completa...<\/a><\/div><\/div><\/div><\/div>\n<div class=\"col-md-12 col-sm-12 col-xs-12 pt-cv-content-item pt-cv-1-col\" ><div class='pt-cv-ifield'><a href=\"https:\/\/www.dmsjuridica.com\/buscador_20179478954\/corteconstitucionalcronologico202454587\/t-809-03\/\" class=\"_self pt-cv-href-thumbnail pt-cv-thumb-default\" target=\"_self\" ><\/a>\n<div class=\"pt-cv-taxoterm above_title\"><a href='https:\/\/www.dmsjuridica.com\/buscador_20179478954\/corteconstitucionalcronologico202454587\/category\/buscar-en-toda-la-corte\/2003\/tutelas-2003\/' title='Tutelas 2003' class='pt-cv-tax-tutelas-2003'>Tutelas 2003<\/a><\/div>\n<h4 class=\"pt-cv-title\"><a href=\"https:\/\/www.dmsjuridica.com\/buscador_20179478954\/corteconstitucionalcronologico202454587\/t-809-03\/\" class=\"_self\" target=\"_self\" >T-809-03<\/a><\/h4>\n<div class=\"pt-cv-content\">\u00a0 \u00a0 Sentencia T-809\/03 \u00a0 FALTA DE LEGITIMACION POR ACTIVA EN TUTELA-Hija en representaci\u00f3n de madre \u00a0 En el caso sub iudice, la demandante si bien dice actuar en nombre de su madre, no expresa las razones por las cuales ella se encuentra imposibilitada para interponer la acci\u00f3n de tutela por s\u00ed misma, a fin de lograr la autorizaci\u00f3n de las cirug\u00edas que requiere. Esa circunstancia tampoco resulta clara del an\u00e1lisis del caso concreto. Si bien es cierto la madre de la demandante padece un problema circulatorio y de v\u00e1rices, que est\u00e1 afectando en forma grave sus extremidades inferiores, ello ...<br \/><div class=\"pt-cv-rmwrap\"><a href=\"https:\/\/www.dmsjuridica.com\/buscador_20179478954\/corteconstitucionalcronologico202454587\/t-809-03\/\" class=\"_self pt-cv-readmore btn btn-success\" target=\"_self\">Ver Sentencia Completa...<\/a><\/div><\/div><\/div><\/div>\n<div class=\"col-md-12 col-sm-12 col-xs-12 pt-cv-content-item pt-cv-1-col\" ><div class='pt-cv-ifield'><a href=\"https:\/\/www.dmsjuridica.com\/buscador_20179478954\/corteconstitucionalcronologico202454587\/t-808-03\/\" class=\"_self pt-cv-href-thumbnail pt-cv-thumb-default\" target=\"_self\" ><\/a>\n<div class=\"pt-cv-taxoterm above_title\"><a href='https:\/\/www.dmsjuridica.com\/buscador_20179478954\/corteconstitucionalcronologico202454587\/category\/buscar-en-toda-la-corte\/2003\/tutelas-2003\/' title='Tutelas 2003' class='pt-cv-tax-tutelas-2003'>Tutelas 2003<\/a><\/div>\n<h4 class=\"pt-cv-title\"><a href=\"https:\/\/www.dmsjuridica.com\/buscador_20179478954\/corteconstitucionalcronologico202454587\/t-808-03\/\" class=\"_self\" target=\"_self\" >T-808-03<\/a><\/h4>\n<div class=\"pt-cv-content\">\u00a0 \u00a0 Sentencia T-808\/03 \u00a0 LIBRE DESARROLLO DE LA PERSONALIDAD-Vulneraci\u00f3n por discriminaci\u00f3n por tendencia sexual en Asociaci\u00f3n Scout \u00a0 La Sala encuentra que independientemente de la condici\u00f3n sexual del actor, la asociaci\u00f3n demandada no est\u00e1 autorizada para no renovar su inscripci\u00f3n, pues como primera medida en ning\u00fan momento se refiri\u00f3 a la condici\u00f3n gay del actor, siendo \u00e9ste el motivo principal de la acci\u00f3n de tutela, y dados los antecedentes que se presentan en los que se vislumbra, que coincidencialmente despu\u00e9s de que el demandante defendi\u00f3 un proyecto de ley, reconociendo su condici\u00f3n sexual, fue retirado de la asociaci\u00f3n, sin ...<br \/><div class=\"pt-cv-rmwrap\"><a href=\"https:\/\/www.dmsjuridica.com\/buscador_20179478954\/corteconstitucionalcronologico202454587\/t-808-03\/\" class=\"_self pt-cv-readmore btn btn-success\" target=\"_self\">Ver Sentencia Completa...<\/a><\/div><\/div><\/div><\/div>\n<div class=\"col-md-12 col-sm-12 col-xs-12 pt-cv-content-item pt-cv-1-col\" ><div class='pt-cv-ifield'><a href=\"https:\/\/www.dmsjuridica.com\/buscador_20179478954\/corteconstitucionalcronologico202454587\/t-807-03\/\" class=\"_self pt-cv-href-thumbnail pt-cv-thumb-default\" target=\"_self\" ><\/a>\n<div class=\"pt-cv-taxoterm above_title\"><a href='https:\/\/www.dmsjuridica.com\/buscador_20179478954\/corteconstitucionalcronologico202454587\/category\/buscar-en-toda-la-corte\/2003\/tutelas-2003\/' title='Tutelas 2003' class='pt-cv-tax-tutelas-2003'>Tutelas 2003<\/a><\/div>\n<h4 class=\"pt-cv-title\"><a href=\"https:\/\/www.dmsjuridica.com\/buscador_20179478954\/corteconstitucionalcronologico202454587\/t-807-03\/\" class=\"_self\" target=\"_self\" >T-807-03<\/a><\/h4>\n<div class=\"pt-cv-content\">\u00a0 \u00a0 Sentencia T-807\/03 \u00a0 DERECHO A LA EDUCACION-Car\u00e1cter fundamental y presupuesto b\u00e1sico para efectivizar otros derechos fundamentales \u00a0 En s\u00edntesis de lo hasta ahora expuesto, la educaci\u00f3n es un derecho fundamental propio de la esencia del hombre y de su dignidad humana, amparado en principios consagrados en la Constituci\u00f3n Pol\u00edtica y en Tratados Internacionales. La educaci\u00f3n constituye un presupuesto b\u00e1sico para la efectividad de otros derechos, principios y valores constitucionalmente reconocidos al ser humano, tales como la igualdad en materia educativa, la escogencia de una profesi\u00f3n u oficio y el libre desarrollo de la personalidad. As\u00ed mismo, permite la ...<br \/><div class=\"pt-cv-rmwrap\"><a href=\"https:\/\/www.dmsjuridica.com\/buscador_20179478954\/corteconstitucionalcronologico202454587\/t-807-03\/\" class=\"_self pt-cv-readmore btn btn-success\" target=\"_self\">Ver Sentencia Completa...<\/a><\/div><\/div><\/div><\/div>\n<div class=\"col-md-12 col-sm-12 col-xs-12 pt-cv-content-item pt-cv-1-col\" ><div class='pt-cv-ifield'><a href=\"https:\/\/www.dmsjuridica.com\/buscador_20179478954\/corteconstitucionalcronologico202454587\/t-806-03\/\" class=\"_self pt-cv-href-thumbnail pt-cv-thumb-default\" target=\"_self\" ><\/a>\n<div class=\"pt-cv-taxoterm above_title\"><a href='https:\/\/www.dmsjuridica.com\/buscador_20179478954\/corteconstitucionalcronologico202454587\/category\/buscar-en-toda-la-corte\/2003\/tutelas-2003\/' title='Tutelas 2003' class='pt-cv-tax-tutelas-2003'>Tutelas 2003<\/a><\/div>\n<h4 class=\"pt-cv-title\"><a href=\"https:\/\/www.dmsjuridica.com\/buscador_20179478954\/corteconstitucionalcronologico202454587\/t-806-03\/\" class=\"_self\" target=\"_self\" >T-806-03<\/a><\/h4>\n<div class=\"pt-cv-content\">\u00a0 \u00a0 Sentencia T-806\/03 \u00a0 DERECHO A LA SALUD-Protecci\u00f3n frente a procedimientos excluidos del POS. \u00a0 En este punto, la jurisprudencia de esta Corporaci\u00f3n ha sido bastante clara: Si bien la salud es un derecho de segunda generaci\u00f3n, hay lugar a su protecci\u00f3n constitucional cuando est\u00e1 en conexidad con otros derechos de primera generaci\u00f3n. \u00a0En estos supuestos, es decir, cuando la salud asume el car\u00e1cter de derecho fundamental por conexidad, hay lugar a su protecci\u00f3n constitucional y por ello deben prestarse los servicios excluidos del POS, aunque para ello sea necesario inaplicar los actos administrativos que restringen la prestaci\u00f3n del ...<br \/><div class=\"pt-cv-rmwrap\"><a href=\"https:\/\/www.dmsjuridica.com\/buscador_20179478954\/corteconstitucionalcronologico202454587\/t-806-03\/\" class=\"_self pt-cv-readmore btn btn-success\" target=\"_self\">Ver Sentencia Completa...<\/a><\/div><\/div><\/div><\/div>\n<div class=\"col-md-12 col-sm-12 col-xs-12 pt-cv-content-item pt-cv-1-col\" ><div class='pt-cv-ifield'><a href=\"https:\/\/www.dmsjuridica.com\/buscador_20179478954\/corteconstitucionalcronologico202454587\/t-797-03\/\" class=\"_self pt-cv-href-thumbnail pt-cv-thumb-default\" target=\"_self\" ><\/a>\n<div class=\"pt-cv-taxoterm above_title\"><a href='https:\/\/www.dmsjuridica.com\/buscador_20179478954\/corteconstitucionalcronologico202454587\/category\/buscar-en-toda-la-corte\/2003\/tutelas-2003\/' title='Tutelas 2003' class='pt-cv-tax-tutelas-2003'>Tutelas 2003<\/a><\/div>\n<h4 class=\"pt-cv-title\"><a href=\"https:\/\/www.dmsjuridica.com\/buscador_20179478954\/corteconstitucionalcronologico202454587\/t-797-03\/\" class=\"_self\" target=\"_self\" >T-797-03<\/a><\/h4>\n<div class=\"pt-cv-content\">\u00a0 \u00a0 Sentencia T-797\/03 \u00a0 LEGITIMACION POR ACTIVA-Hija en representaci\u00f3n de madre \u00a0 Al referirse a la legitimidad e inter\u00e9s para actuar en sede de tutela, establece que se pueden agenciar derechos ajenos cuando el titular de los mismos no est\u00e9 en condiciones de promover su propia defensa. En el presente caso quien instaura la acci\u00f3n de tutela es la hija de una persona que se encuentra enferma con un diagn\u00f3stico de c\u00e1ncer y en imposibilidad de ejercer su propia defensa, motivo por el cual la situaci\u00f3n se ajusta a las prescripciones del art\u00edculo 10 del decreto 2591 de 1991, ...<br \/><div class=\"pt-cv-rmwrap\"><a href=\"https:\/\/www.dmsjuridica.com\/buscador_20179478954\/corteconstitucionalcronologico202454587\/t-797-03\/\" class=\"_self pt-cv-readmore btn btn-success\" target=\"_self\">Ver Sentencia Completa...<\/a><\/div><\/div><\/div><\/div>\n<div class=\"col-md-12 col-sm-12 col-xs-12 pt-cv-content-item pt-cv-1-col\" ><div class='pt-cv-ifield'><a href=\"https:\/\/www.dmsjuridica.com\/buscador_20179478954\/corteconstitucionalcronologico202454587\/t-796-03\/\" class=\"_self pt-cv-href-thumbnail pt-cv-thumb-default\" target=\"_self\" ><\/a>\n<div class=\"pt-cv-taxoterm above_title\"><a href='https:\/\/www.dmsjuridica.com\/buscador_20179478954\/corteconstitucionalcronologico202454587\/category\/buscar-en-toda-la-corte\/2003\/tutelas-2003\/' title='Tutelas 2003' class='pt-cv-tax-tutelas-2003'>Tutelas 2003<\/a><\/div>\n<h4 class=\"pt-cv-title\"><a href=\"https:\/\/www.dmsjuridica.com\/buscador_20179478954\/corteconstitucionalcronologico202454587\/t-796-03\/\" class=\"_self\" target=\"_self\" >T-796-03<\/a><\/h4>\n<div class=\"pt-cv-content\">\u00a0 \u00a0 Sentencia T-796\/03 \u00a0 ACCION DE TUTELA TRANSITORIA-Improcedencia para reconocimiento de nivelaciones salariales \u00a0 La tutela no constituye pues, por regla general, el mecanismo id\u00f3neo para ventilar conflictos de car\u00e1cter laboral o econ\u00f3mico ni para ordenar, por ejemplo, nivelaciones salariales o el reconocimiento y pago de factores salariales y prestacionales, en la medida en que, para tales pretensiones, los interesados deber\u00e1n acudir ante los jueces comunes del trabajo o ante la jurisdicci\u00f3n de lo contencioso administrativo, a menos que se trate de evitar un perjuicio irremediable. En el presente caso los peticionarios son empleados al servicio de la entidad ...<br \/><div class=\"pt-cv-rmwrap\"><a href=\"https:\/\/www.dmsjuridica.com\/buscador_20179478954\/corteconstitucionalcronologico202454587\/t-796-03\/\" class=\"_self pt-cv-readmore btn btn-success\" target=\"_self\">Ver Sentencia Completa...<\/a><\/div><\/div><\/div><\/div>\n<div class=\"col-md-12 col-sm-12 col-xs-12 pt-cv-content-item pt-cv-1-col\" ><div class='pt-cv-ifield'><a href=\"https:\/\/www.dmsjuridica.com\/buscador_20179478954\/corteconstitucionalcronologico202454587\/t-795-03\/\" class=\"_self pt-cv-href-thumbnail pt-cv-thumb-default\" target=\"_self\" ><\/a>\n<div class=\"pt-cv-taxoterm above_title\"><a href='https:\/\/www.dmsjuridica.com\/buscador_20179478954\/corteconstitucionalcronologico202454587\/category\/buscar-en-toda-la-corte\/2003\/tutelas-2003\/' title='Tutelas 2003' class='pt-cv-tax-tutelas-2003'>Tutelas 2003<\/a><\/div>\n<h4 class=\"pt-cv-title\"><a href=\"https:\/\/www.dmsjuridica.com\/buscador_20179478954\/corteconstitucionalcronologico202454587\/t-795-03\/\" class=\"_self\" target=\"_self\" >T-795-03<\/a><\/h4>\n<div class=\"pt-cv-content\">\u00a0 \u00a0 Sentencia T-795\/03 \u00a0 DERECHO A LA VIDA DE PERSONAL DOCENTE-Protecci\u00f3n especial\u00a0 \u00a0 Cuando en virtud de serias amenazas contra su vida un educador hace una solicitud de traslado, corresponde a la autoridad competente actuar con diligencia, celeridad y eficacia para disponer su reubicaci\u00f3n laboral en el menor tiempo posible. Es decir, que hecha tal solicitud, la autoridad p\u00fablica no puede abandonar a su suerte al educador amenazado dejando en sus manos la pr\u00e1ctica de todas la actuaciones administrativas para obtener el traslado y reubicaci\u00f3n laboral. Ha de concluirse que la acci\u00f3n de tutela puede ejercerse cuando quiera que ...<br \/><div class=\"pt-cv-rmwrap\"><a href=\"https:\/\/www.dmsjuridica.com\/buscador_20179478954\/corteconstitucionalcronologico202454587\/t-795-03\/\" class=\"_self pt-cv-readmore btn btn-success\" target=\"_self\">Ver Sentencia Completa...<\/a><\/div><\/div><\/div><\/div>\n<div class=\"col-md-12 col-sm-12 col-xs-12 pt-cv-content-item pt-cv-1-col\" ><div class='pt-cv-ifield'><a href=\"https:\/\/www.dmsjuridica.com\/buscador_20179478954\/corteconstitucionalcronologico202454587\/t-794-03\/\" class=\"_self pt-cv-href-thumbnail pt-cv-thumb-default\" target=\"_self\" ><\/a>\n<div class=\"pt-cv-taxoterm above_title\"><a href='https:\/\/www.dmsjuridica.com\/buscador_20179478954\/corteconstitucionalcronologico202454587\/category\/buscar-en-toda-la-corte\/2003\/tutelas-2003\/' title='Tutelas 2003' class='pt-cv-tax-tutelas-2003'>Tutelas 2003<\/a><\/div>\n<h4 class=\"pt-cv-title\"><a href=\"https:\/\/www.dmsjuridica.com\/buscador_20179478954\/corteconstitucionalcronologico202454587\/t-794-03\/\" class=\"_self\" target=\"_self\" >T-794-03<\/a><\/h4>\n<div class=\"pt-cv-content\">\u00a0 \u00a0 Sentencia T-794\/03 \u00a0 DERECHO A LA SALUD-Fundamental por conexidad con el derecho a la vida digna \u00a0 La vida en condiciones dignas hace alusi\u00f3n a que el individuo considerado en su persona misma pueda desarrollarse como ser aut\u00f3nomo y libre, con la suficiente idoneidad para desempe\u00f1ar cualquier funci\u00f3n productiva dentro de la sociedad, pero el padecimiento de alguna enfermedad no conlleva necesariamente la muerte f\u00edsica sino que puede menoscabar sus aptitudes limitando la existencia misma del ser humano. No debe esperarse a que la vida est\u00e9 en inminente peligro para garantizar el servicio o acceder al amparo de ...<br \/><div class=\"pt-cv-rmwrap\"><a href=\"https:\/\/www.dmsjuridica.com\/buscador_20179478954\/corteconstitucionalcronologico202454587\/t-794-03\/\" class=\"_self pt-cv-readmore btn btn-success\" target=\"_self\">Ver Sentencia Completa...<\/a><\/div><\/div><\/div><\/div>\n<div class=\"col-md-12 col-sm-12 col-xs-12 pt-cv-content-item pt-cv-1-col\" ><div class='pt-cv-ifield'><a href=\"https:\/\/www.dmsjuridica.com\/buscador_20179478954\/corteconstitucionalcronologico202454587\/t-793-03\/\" class=\"_self pt-cv-href-thumbnail pt-cv-thumb-default\" target=\"_self\" ><\/a>\n<div class=\"pt-cv-taxoterm above_title\"><a href='https:\/\/www.dmsjuridica.com\/buscador_20179478954\/corteconstitucionalcronologico202454587\/category\/buscar-en-toda-la-corte\/2003\/tutelas-2003\/' title='Tutelas 2003' class='pt-cv-tax-tutelas-2003'>Tutelas 2003<\/a><\/div>\n<h4 class=\"pt-cv-title\"><a href=\"https:\/\/www.dmsjuridica.com\/buscador_20179478954\/corteconstitucionalcronologico202454587\/t-793-03\/\" class=\"_self\" target=\"_self\" >T-793-03<\/a><\/h4>\n<div class=\"pt-cv-content\">\u00a0 \u00a0 Sentencia T-793\/03 \u00a0 DERECHO AL SALARIO EN CONTRATO REALIDAD\/PRINCIPIO DE PRIMACIA DE REALIDAD SOBRE FORMALIDADES EN RELACIONES LABORALES \u00a0 La vigencia del principio de la primac\u00eda de la realidad sobre las formalidades establecidas en una relaci\u00f3n laboral, de existir \u00e9sta de manera efectiva, no excluye el deber de cumplimiento de los requisitos propios que establece el ordenamiento jur\u00eddico para ingresar a la funci\u00f3n p\u00fablica, como son, entre otros, la sujeci\u00f3n de la provisi\u00f3n del empleo al r\u00e9gimen legal y reglamentario establecido, la existencia de un planta de personal que lo contemple y la disponibilidad presupuestal que el mismo ...<br \/><div class=\"pt-cv-rmwrap\"><a href=\"https:\/\/www.dmsjuridica.com\/buscador_20179478954\/corteconstitucionalcronologico202454587\/t-793-03\/\" class=\"_self pt-cv-readmore btn btn-success\" target=\"_self\">Ver Sentencia Completa...<\/a><\/div><\/div><\/div><\/div>\n<div class=\"col-md-12 col-sm-12 col-xs-12 pt-cv-content-item pt-cv-1-col\" ><div class='pt-cv-ifield'><a href=\"https:\/\/www.dmsjuridica.com\/buscador_20179478954\/corteconstitucionalcronologico202454587\/t-792-03\/\" class=\"_self pt-cv-href-thumbnail pt-cv-thumb-default\" target=\"_self\" ><\/a>\n<div class=\"pt-cv-taxoterm above_title\"><a href='https:\/\/www.dmsjuridica.com\/buscador_20179478954\/corteconstitucionalcronologico202454587\/category\/buscar-en-toda-la-corte\/2003\/tutelas-2003\/' title='Tutelas 2003' class='pt-cv-tax-tutelas-2003'>Tutelas 2003<\/a><\/div>\n<h4 class=\"pt-cv-title\"><a href=\"https:\/\/www.dmsjuridica.com\/buscador_20179478954\/corteconstitucionalcronologico202454587\/t-792-03\/\" class=\"_self\" target=\"_self\" >T-792-03<\/a><\/h4>\n<div class=\"pt-cv-content\">\u00a0 \u00a0 Sentencia T-792\/03 \u00a0 DERECHO A LA SALUD-Intervenciones quir\u00fargicas no incluidas en el POS \u00a0 La Corte ha sostenido que en virtud de la supremac\u00eda de la Constituci\u00f3n sobre las dem\u00e1s fuentes formales del derecho, se debe inaplicar la reglamentaci\u00f3n que excluye el tratamiento o medicamento requerido, para ordenar que sea suministrado y evitar, de este modo, \u201cque una reglamentaci\u00f3n legal o administrativa impida el goce efectivo de garant\u00edas constitucionales...\u201d. En consecuencia, antes de inaplicar la legislaci\u00f3n que regula las exclusiones y limitaciones del Plan Obligatorio de Salud, la Corte verifica el cumplimiento de las condiciones que han sido ...<br \/><div class=\"pt-cv-rmwrap\"><a href=\"https:\/\/www.dmsjuridica.com\/buscador_20179478954\/corteconstitucionalcronologico202454587\/t-792-03\/\" class=\"_self pt-cv-readmore btn btn-success\" target=\"_self\">Ver Sentencia Completa...<\/a><\/div><\/div><\/div><\/div>\n<div class=\"col-md-12 col-sm-12 col-xs-12 pt-cv-content-item pt-cv-1-col\" ><div class='pt-cv-ifield'><a href=\"https:\/\/www.dmsjuridica.com\/buscador_20179478954\/corteconstitucionalcronologico202454587\/t-791-03\/\" class=\"_self pt-cv-href-thumbnail pt-cv-thumb-default\" target=\"_self\" ><\/a>\n<div class=\"pt-cv-taxoterm above_title\"><a href='https:\/\/www.dmsjuridica.com\/buscador_20179478954\/corteconstitucionalcronologico202454587\/category\/buscar-en-toda-la-corte\/2003\/tutelas-2003\/' title='Tutelas 2003' class='pt-cv-tax-tutelas-2003'>Tutelas 2003<\/a><\/div>\n<h4 class=\"pt-cv-title\"><a href=\"https:\/\/www.dmsjuridica.com\/buscador_20179478954\/corteconstitucionalcronologico202454587\/t-791-03\/\" class=\"_self\" target=\"_self\" >T-791-03<\/a><\/h4>\n<div class=\"pt-cv-content\">\u00a0 \u00a0 Sentencia T-791\/03 \u00a0 DERECHO A LA SALUD-Fundamental por conexidad con la vida \u00a0 ADMINISTRADORA DEL REGIMEN SUBSIDIADO-Suministro de pipetas de ox\u00edgeno a domicilio \u00a0 La Corte proceder\u00e1 a garantizar la efectividad de la atenci\u00f3n requerida aplicando la primera medida se\u00f1alada en esta sentencia, es decir ordenando la prestaci\u00f3n de los servicios de salud directamente por parte de la entidad Administradora del R\u00e9gimen Subsidiado, no obstante su exclusi\u00f3n del POS-S, por tratarse de una persona que goza de especial protecci\u00f3n por parte del Estado, la sociedad \u00a0y la familia y carece de recursos econ\u00f3micos para asumir los gastos de ...<br \/><div class=\"pt-cv-rmwrap\"><a href=\"https:\/\/www.dmsjuridica.com\/buscador_20179478954\/corteconstitucionalcronologico202454587\/t-791-03\/\" class=\"_self pt-cv-readmore btn btn-success\" target=\"_self\">Ver Sentencia Completa...<\/a><\/div><\/div><\/div><\/div>\n<div class=\"col-md-12 col-sm-12 col-xs-12 pt-cv-content-item pt-cv-1-col\" ><div class='pt-cv-ifield'><a href=\"https:\/\/www.dmsjuridica.com\/buscador_20179478954\/corteconstitucionalcronologico202454587\/t-790-03\/\" class=\"_self pt-cv-href-thumbnail pt-cv-thumb-default\" target=\"_self\" ><\/a>\n<div class=\"pt-cv-taxoterm above_title\"><a href='https:\/\/www.dmsjuridica.com\/buscador_20179478954\/corteconstitucionalcronologico202454587\/category\/buscar-en-toda-la-corte\/2003\/tutelas-2003\/' title='Tutelas 2003' class='pt-cv-tax-tutelas-2003'>Tutelas 2003<\/a><\/div>\n<h4 class=\"pt-cv-title\"><a href=\"https:\/\/www.dmsjuridica.com\/buscador_20179478954\/corteconstitucionalcronologico202454587\/t-790-03\/\" class=\"_self\" target=\"_self\" >T-790-03<\/a><\/h4>\n<div class=\"pt-cv-content\">\u00a0 \u00a0 Sentencia T-790\/03 \u00a0 LEGITIMACION POR ACTIVA DE PERSONERO MUNICIPAL PARA INTERPONER ACCION DE TUTELA \u00a0 Los personeros municipales, en virtud de las funciones constitucionales y legales de guarda y promoci\u00f3n de los derechos fundamentales, as\u00ed como en desarrollo de las resoluciones de la Defensor\u00eda del Pueblo, est\u00e1n legitimados para presentar acciones de tutela. En esa medida si se percatan de la amenaza o violaci\u00f3n de derechos fundamentales de una persona, pueden interponer la acci\u00f3n en nombre del individuo que se lo solicite o que se encuentre en situaci\u00f3n de desamparo o indefensi\u00f3n. \u00a0 DERECHO DE DESPLAZADO-Trato especial \u00a0 ...<br \/><div class=\"pt-cv-rmwrap\"><a href=\"https:\/\/www.dmsjuridica.com\/buscador_20179478954\/corteconstitucionalcronologico202454587\/t-790-03\/\" class=\"_self pt-cv-readmore btn btn-success\" target=\"_self\">Ver Sentencia Completa...<\/a><\/div><\/div><\/div><\/div>\n<div class=\"col-md-12 col-sm-12 col-xs-12 pt-cv-content-item pt-cv-1-col\" ><div class='pt-cv-ifield'><a href=\"https:\/\/www.dmsjuridica.com\/buscador_20179478954\/corteconstitucionalcronologico202454587\/t-789-03\/\" class=\"_self pt-cv-href-thumbnail pt-cv-thumb-default\" target=\"_self\" ><\/a>\n<div class=\"pt-cv-taxoterm above_title\"><a href='https:\/\/www.dmsjuridica.com\/buscador_20179478954\/corteconstitucionalcronologico202454587\/category\/buscar-en-toda-la-corte\/2003\/tutelas-2003\/' title='Tutelas 2003' class='pt-cv-tax-tutelas-2003'>Tutelas 2003<\/a><\/div>\n<h4 class=\"pt-cv-title\"><a href=\"https:\/\/www.dmsjuridica.com\/buscador_20179478954\/corteconstitucionalcronologico202454587\/t-789-03\/\" class=\"_self\" target=\"_self\" >T-789-03<\/a><\/h4>\n<div class=\"pt-cv-content\">\u00a0 \u00a0 Sentencia T-789\/03 \u00a0 PERJUICIO IRREMEDIABLE-Caracter\u00edsticas \u00a0 Proceder\u00e1 la acci\u00f3n de tutela en tanto mecanismo transitorio para prevenir la ocurrencia de un perjuicio irremediable. El alcance de este mandato tambi\u00e9n ha sido delimitado en detalle por la jurisprudencia constitucional, la cual ha establecido que un perjuicio tendr\u00e1 car\u00e1cter irremediable cuandoquiera que, en el contexto de la situaci\u00f3n espec\u00edfica del peticionario, llene las siguientes caracter\u00edsticas: (i) ser cierto e inminente, es decir, que su existencia actual o potencial se infiera objetivamente a partir de una evaluaci\u00f3n razonable de hechos reales, y no de meras conjeturas o deducciones especulativas; (ii) ser ...<br \/><div class=\"pt-cv-rmwrap\"><a href=\"https:\/\/www.dmsjuridica.com\/buscador_20179478954\/corteconstitucionalcronologico202454587\/t-789-03\/\" class=\"_self pt-cv-readmore btn btn-success\" target=\"_self\">Ver Sentencia Completa...<\/a><\/div><\/div><\/div><\/div>\n<div class=\"col-md-12 col-sm-12 col-xs-12 pt-cv-content-item pt-cv-1-col\" ><div class='pt-cv-ifield'><a href=\"https:\/\/www.dmsjuridica.com\/buscador_20179478954\/corteconstitucionalcronologico202454587\/t-788-03\/\" class=\"_self pt-cv-href-thumbnail pt-cv-thumb-default\" target=\"_self\" ><\/a>\n<div class=\"pt-cv-taxoterm above_title\"><a href='https:\/\/www.dmsjuridica.com\/buscador_20179478954\/corteconstitucionalcronologico202454587\/category\/buscar-en-toda-la-corte\/2003\/tutelas-2003\/' title='Tutelas 2003' class='pt-cv-tax-tutelas-2003'>Tutelas 2003<\/a><\/div>\n<h4 class=\"pt-cv-title\"><a href=\"https:\/\/www.dmsjuridica.com\/buscador_20179478954\/corteconstitucionalcronologico202454587\/t-788-03\/\" class=\"_self\" target=\"_self\" >T-788-03<\/a><\/h4>\n<div class=\"pt-cv-content\">\u00a0 \u00a0 Sentencia T-788\/03 \u00a0 SECUESTRADO-Condiciones para que se de la continuidad en el pago de salarios \u00a0 a) Existe el derecho a la continuidad en el pago de salarios u honorarios a quien act\u00fae como curador del servidor p\u00fablico o trabajador particular secuestrado o desaparecido, hasta tanto se produzca su libertad. b) El Estado o el empleador particular, seg\u00fan el caso, tienen la obligaci\u00f3n de continuar pagando los salarios, sin perjuicio de que se pueda acudir a mecanismos de garant\u00eda como el seguro colectivo. c) En principio, el derecho a la continuidad en el pago de salarios u honorarios ...<br \/><div class=\"pt-cv-rmwrap\"><a href=\"https:\/\/www.dmsjuridica.com\/buscador_20179478954\/corteconstitucionalcronologico202454587\/t-788-03\/\" class=\"_self pt-cv-readmore btn btn-success\" target=\"_self\">Ver Sentencia Completa...<\/a><\/div><\/div><\/div><\/div>\n<div class=\"col-md-12 col-sm-12 col-xs-12 pt-cv-content-item pt-cv-1-col\" ><div class='pt-cv-ifield'><a href=\"https:\/\/www.dmsjuridica.com\/buscador_20179478954\/corteconstitucionalcronologico202454587\/t-787-03\/\" class=\"_self pt-cv-href-thumbnail pt-cv-thumb-default\" target=\"_self\" ><\/a>\n<div class=\"pt-cv-taxoterm above_title\"><a href='https:\/\/www.dmsjuridica.com\/buscador_20179478954\/corteconstitucionalcronologico202454587\/category\/buscar-en-toda-la-corte\/2003\/tutelas-2003\/' title='Tutelas 2003' class='pt-cv-tax-tutelas-2003'>Tutelas 2003<\/a><\/div>\n<h4 class=\"pt-cv-title\"><a href=\"https:\/\/www.dmsjuridica.com\/buscador_20179478954\/corteconstitucionalcronologico202454587\/t-787-03\/\" class=\"_self\" target=\"_self\" >T-787-03<\/a><\/h4>\n<div class=\"pt-cv-content\">\u00a0 \u00a0 Sentencia T-787\/03 \u00a0 DERECHO A LA VIDA-Protecci\u00f3n especial de docente amenazado \u00a0 PERSONAL DOCENTE AMENAZADO-A quien corresponde otorgar tal calidad\/PERSONAL DOCENTE AMENAZADO-Reubicaci\u00f3n \u00a0 A quien le corresponde otorgar la calidad de docente amenazado a la accionante, es al Comit\u00e9 de Amenazados del Choc\u00f3. Sin embargo, en vista de la naturaleza del asunto, del peligro que puede representar para la vida de la accionante el hecho de que no se le de una pronta respuesta por parte del Comit\u00e9, y de que aquella cumpli\u00f3 con los requisitos exigidos en el Decreto 1645, hace que la Corte Constitucional conceda la ...<br \/><div class=\"pt-cv-rmwrap\"><a href=\"https:\/\/www.dmsjuridica.com\/buscador_20179478954\/corteconstitucionalcronologico202454587\/t-787-03\/\" class=\"_self pt-cv-readmore btn btn-success\" target=\"_self\">Ver Sentencia Completa...<\/a><\/div><\/div><\/div><\/div>\n<div class=\"col-md-12 col-sm-12 col-xs-12 pt-cv-content-item pt-cv-1-col\" ><div class='pt-cv-ifield'><a href=\"https:\/\/www.dmsjuridica.com\/buscador_20179478954\/corteconstitucionalcronologico202454587\/t-786-03\/\" class=\"_self pt-cv-href-thumbnail pt-cv-thumb-default\" target=\"_self\" ><\/a>\n<div class=\"pt-cv-taxoterm above_title\"><a href='https:\/\/www.dmsjuridica.com\/buscador_20179478954\/corteconstitucionalcronologico202454587\/category\/buscar-en-toda-la-corte\/2003\/tutelas-2003\/' title='Tutelas 2003' class='pt-cv-tax-tutelas-2003'>Tutelas 2003<\/a><\/div>\n<h4 class=\"pt-cv-title\"><a href=\"https:\/\/www.dmsjuridica.com\/buscador_20179478954\/corteconstitucionalcronologico202454587\/t-786-03\/\" class=\"_self\" target=\"_self\" >T-786-03<\/a><\/h4>\n<div class=\"pt-cv-content\">\u00a0 \u00a0 Sentencia T-786\/03 \u00a0 AGENCIA OFICIOSA EN CASO DE DESAPARECIDOS-Procedencia \u00a0 La Sala observa que en este asunto est\u00e1 envuelta la protecci\u00f3n de dos derechos de especial trascendencia: la vida y la integridad personal. Considera, adem\u00e1s, que no es razonable la exigencia de la interposici\u00f3n personal de la acci\u00f3n de tutela por cada uno de los miembros beneficiados con la medida cautelar decretada, toda vez que el hecho de que se haya decretado la medida hace presumir que existe un mayor grado de vulnerabilidad de la vida de los individuos. Esto, aunado a que, usualmente, los sujetos que acuden ...<br \/><div class=\"pt-cv-rmwrap\"><a href=\"https:\/\/www.dmsjuridica.com\/buscador_20179478954\/corteconstitucionalcronologico202454587\/t-786-03\/\" class=\"_self pt-cv-readmore btn btn-success\" target=\"_self\">Ver Sentencia Completa...<\/a><\/div><\/div><\/div><\/div>\n<div class=\"col-md-12 col-sm-12 col-xs-12 pt-cv-content-item pt-cv-1-col\" ><div class='pt-cv-ifield'><a href=\"https:\/\/www.dmsjuridica.com\/buscador_20179478954\/corteconstitucionalcronologico202454587\/t-785-03\/\" class=\"_self pt-cv-href-thumbnail pt-cv-thumb-default\" target=\"_self\" ><\/a>\n<div class=\"pt-cv-taxoterm above_title\"><a href='https:\/\/www.dmsjuridica.com\/buscador_20179478954\/corteconstitucionalcronologico202454587\/category\/buscar-en-toda-la-corte\/2003\/tutelas-2003\/' title='Tutelas 2003' class='pt-cv-tax-tutelas-2003'>Tutelas 2003<\/a><\/div>\n<h4 class=\"pt-cv-title\"><a href=\"https:\/\/www.dmsjuridica.com\/buscador_20179478954\/corteconstitucionalcronologico202454587\/t-785-03\/\" class=\"_self\" target=\"_self\" >T-785-03<\/a><\/h4>\n<div class=\"pt-cv-content\">\u00a0 \u00a0 Sentencia T-785\/03 \u00a0 SECUESTRO-Pago de salarios \u00a0 El caso de las v\u00edctimas del delito de secuestro, la facultad de la autoridad judicial de ordenar la continuidad en la remuneraci\u00f3n se reconozca hasta tanto se produzca la liberaci\u00f3n del secuestrado, indistintamente de que se trate de un servidor p\u00fablico o de un particular, y que, en el caso de las v\u00edctimas del delito de desaparici\u00f3n forzada, la facultad de la autoridad judicial de ordenar la continuidad de la remuneraci\u00f3n proceda tambi\u00e9n indistintamente de la calidad de servidor p\u00fablico o particular del trabajador secuestrado y tambi\u00e9n hasta tanto se produzca ...<br \/><div class=\"pt-cv-rmwrap\"><a href=\"https:\/\/www.dmsjuridica.com\/buscador_20179478954\/corteconstitucionalcronologico202454587\/t-785-03\/\" class=\"_self pt-cv-readmore btn btn-success\" target=\"_self\">Ver Sentencia Completa...<\/a><\/div><\/div><\/div><\/div>\n<div class=\"col-md-12 col-sm-12 col-xs-12 pt-cv-content-item pt-cv-1-col\" ><div class='pt-cv-ifield'><a href=\"https:\/\/www.dmsjuridica.com\/buscador_20179478954\/corteconstitucionalcronologico202454587\/t-784-03\/\" class=\"_self pt-cv-href-thumbnail pt-cv-thumb-default\" target=\"_self\" ><\/a>\n<div class=\"pt-cv-taxoterm above_title\"><a href='https:\/\/www.dmsjuridica.com\/buscador_20179478954\/corteconstitucionalcronologico202454587\/category\/buscar-en-toda-la-corte\/2003\/tutelas-2003\/' title='Tutelas 2003' class='pt-cv-tax-tutelas-2003'>Tutelas 2003<\/a><\/div>\n<h4 class=\"pt-cv-title\"><a href=\"https:\/\/www.dmsjuridica.com\/buscador_20179478954\/corteconstitucionalcronologico202454587\/t-784-03\/\" class=\"_self\" target=\"_self\" >T-784-03<\/a><\/h4>\n<div class=\"pt-cv-content\">\u00a0 \u00a0 Sentencia T-784\/03 \u00a0 LEGITIMACION POR ACTIVA-Madre en representaci\u00f3n de hijo enfermo \u00a0 DERECHO A LA SALUD DE EX SOLDADO-Obligaci\u00f3n de atenci\u00f3n m\u00e9dica \u00a0 Referencia: expediente T-743075 \u00a0 Acci\u00f3n de tutela incoada por Miriam Estela Cantillo Guti\u00e9rrez en representaci\u00f3n de su hijo Daniel De Jes\u00fas de la Hoz Cantillo contra la Direcci\u00f3n de Sanidad del Ej\u00e9rcito Nacional. \u00a0 Magistrado Ponente: \u00a0 Dr. JAIME ARA\u00daJO RENTER\u00cdA \u00a0 Bogot\u00e1, D. C., diez (10) de septiembre de dos mil tres (2003). \u00a0 La Sala Primera de Revisi\u00f3n de la Corte Constitucional, en ejercicio de sus atribuciones constitucionales y legales, espec\u00edficamente las previstas ...<br \/><div class=\"pt-cv-rmwrap\"><a href=\"https:\/\/www.dmsjuridica.com\/buscador_20179478954\/corteconstitucionalcronologico202454587\/t-784-03\/\" class=\"_self pt-cv-readmore btn btn-success\" target=\"_self\">Ver Sentencia Completa...<\/a><\/div><\/div><\/div><\/div>\n<div class=\"col-md-12 col-sm-12 col-xs-12 pt-cv-content-item pt-cv-1-col\" ><div class='pt-cv-ifield'><a href=\"https:\/\/www.dmsjuridica.com\/buscador_20179478954\/corteconstitucionalcronologico202454587\/t-774-03\/\" class=\"_self pt-cv-href-thumbnail pt-cv-thumb-default\" target=\"_self\" ><\/a>\n<div class=\"pt-cv-taxoterm above_title\"><a href='https:\/\/www.dmsjuridica.com\/buscador_20179478954\/corteconstitucionalcronologico202454587\/category\/buscar-en-toda-la-corte\/2003\/tutelas-2003\/' title='Tutelas 2003' class='pt-cv-tax-tutelas-2003'>Tutelas 2003<\/a><\/div>\n<h4 class=\"pt-cv-title\"><a href=\"https:\/\/www.dmsjuridica.com\/buscador_20179478954\/corteconstitucionalcronologico202454587\/t-774-03\/\" class=\"_self\" target=\"_self\" >T-774-03<\/a><\/h4>\n<div class=\"pt-cv-content\">\u00a0 \u00a0 Sentencia T-774\/03 \u00a0 REVOCATORIA DIRECTA DE ACTO ADMINISTRATIVO PARTICULAR Y CONCRETO Y DEBIDO PROCESO-Revocatoria acto de elecci\u00f3n de Presidente del Concejo\/DERECHO A SER ELEGIDO Y DERECHO A PERMANECER EN EL EJERCICIO DEL CARGO \u00a0 Para proceder a la revocaci\u00f3n directa de actos administrativos que han creado una situaci\u00f3n particular y concreta, s\u00f3lo es posible en los t\u00e9rminos del C\u00f3digo Contencioso Administrativo, art\u00edculo 73, inciso 1\u00ba. Es decir, si no se dan las circunstancias de los incisos segundo y tercero del mismo art\u00edculo, debe existir el consentimiento expreso y escrito del titular del derecho, de lo contrario, se est\u00e1 ...<br \/><div class=\"pt-cv-rmwrap\"><a href=\"https:\/\/www.dmsjuridica.com\/buscador_20179478954\/corteconstitucionalcronologico202454587\/t-774-03\/\" class=\"_self pt-cv-readmore btn btn-success\" target=\"_self\">Ver Sentencia Completa...<\/a><\/div><\/div><\/div><\/div>\n<div class=\"col-md-12 col-sm-12 col-xs-12 pt-cv-content-item pt-cv-1-col\" ><div class='pt-cv-ifield'><a href=\"https:\/\/www.dmsjuridica.com\/buscador_20179478954\/corteconstitucionalcronologico202454587\/t-773-03\/\" class=\"_self pt-cv-href-thumbnail pt-cv-thumb-default\" target=\"_self\" ><\/a>\n<div class=\"pt-cv-taxoterm above_title\"><a href='https:\/\/www.dmsjuridica.com\/buscador_20179478954\/corteconstitucionalcronologico202454587\/category\/buscar-en-toda-la-corte\/2003\/tutelas-2003\/' title='Tutelas 2003' class='pt-cv-tax-tutelas-2003'>Tutelas 2003<\/a><\/div>\n<h4 class=\"pt-cv-title\"><a href=\"https:\/\/www.dmsjuridica.com\/buscador_20179478954\/corteconstitucionalcronologico202454587\/t-773-03\/\" class=\"_self\" target=\"_self\" >T-773-03<\/a><\/h4>\n<div class=\"pt-cv-content\">\u00a0 \u00a0 Sentencia T-773\/03 \u00a0 CEDULA DE CIUDADANIA-Importancia para ejercer derechos fundamentales \u00a0 ACCION DE TUTELA-Hecho superado por expedici\u00f3n de la c\u00e9dula de ciudadan\u00eda y reconocimiento de pensi\u00f3n de vejez \u00a0 Referencia: expediente T-716700 \u00a0 Acci\u00f3n de tutela instaurada por Francisco Landazury Angulo en contra de la Registradur\u00eda Nacional del Estado Civil \u00a0 Magistrado Ponente: \u00a0 Dr. MANUEL JOS\u00c9 CEPEDA ESPINOSA \u00a0 Bogot\u00e1, D.C., cuatro (4) de septiembre de dos mil tres (2003). \u00a0 La Sala Tercera de Revisi\u00f3n de la Corte Constitucional, integrada por los magistrados Manuel Jos\u00e9 Cepeda Espinosa, Jaime C\u00f3rdoba Trivi\u00f1o y Rodrigo Escobar Gil, en ejercicio ...<br \/><div class=\"pt-cv-rmwrap\"><a href=\"https:\/\/www.dmsjuridica.com\/buscador_20179478954\/corteconstitucionalcronologico202454587\/t-773-03\/\" class=\"_self pt-cv-readmore btn btn-success\" target=\"_self\">Ver Sentencia Completa...<\/a><\/div><\/div><\/div><\/div>\n<div class=\"col-md-12 col-sm-12 col-xs-12 pt-cv-content-item pt-cv-1-col\" ><div class='pt-cv-ifield'><a href=\"https:\/\/www.dmsjuridica.com\/buscador_20179478954\/corteconstitucionalcronologico202454587\/t-772-03\/\" class=\"_self pt-cv-href-thumbnail pt-cv-thumb-default\" target=\"_self\" ><\/a>\n<div class=\"pt-cv-taxoterm above_title\"><a href='https:\/\/www.dmsjuridica.com\/buscador_20179478954\/corteconstitucionalcronologico202454587\/category\/buscar-en-toda-la-corte\/2003\/tutelas-2003\/' title='Tutelas 2003' class='pt-cv-tax-tutelas-2003'>Tutelas 2003<\/a><\/div>\n<h4 class=\"pt-cv-title\"><a href=\"https:\/\/www.dmsjuridica.com\/buscador_20179478954\/corteconstitucionalcronologico202454587\/t-772-03\/\" class=\"_self\" target=\"_self\" >T-772-03<\/a><\/h4>\n<div class=\"pt-cv-content\">\u00a0 \u00a0 Sentencia T-772\/03 \u00a0 ESTADO SOCIAL DE DERECHO-Deberes del Estado para erradicar la pobreza y desigualdad\/ESTADO SOCIAL DE DERECHO-Prohibici\u00f3n de adelantar pol\u00edticas econ\u00f3micas, sociales y culturales de car\u00e1cter regresivo \u00a0 ESPACIO PUBLICO-Preservaci\u00f3n \u00a0 Es indiscutible la existencia de un deber constitucional y legal en cabeza de las autoridades, consistente en preservar la integridad del espacio p\u00fablico, para cuyo cumplimiento la ley les ha provisto de ciertos instrumentos jur\u00eddicos de car\u00e1cter policivo. Pero la delimitaci\u00f3n del alcance de este deber, y la determinaci\u00f3n de los medios necesarios para cumplirlo frente a situaciones concretas de ocupaci\u00f3n indebida, se deben efectuar en ...<br \/><div class=\"pt-cv-rmwrap\"><a href=\"https:\/\/www.dmsjuridica.com\/buscador_20179478954\/corteconstitucionalcronologico202454587\/t-772-03\/\" class=\"_self pt-cv-readmore btn btn-success\" target=\"_self\">Ver Sentencia Completa...<\/a><\/div><\/div><\/div><\/div>\n<div class=\"col-md-12 col-sm-12 col-xs-12 pt-cv-content-item pt-cv-1-col\" ><div class='pt-cv-ifield'><a href=\"https:\/\/www.dmsjuridica.com\/buscador_20179478954\/corteconstitucionalcronologico202454587\/t-771-03\/\" class=\"_self pt-cv-href-thumbnail pt-cv-thumb-default\" target=\"_self\" ><\/a>\n<div class=\"pt-cv-taxoterm above_title\"><a href='https:\/\/www.dmsjuridica.com\/buscador_20179478954\/corteconstitucionalcronologico202454587\/category\/buscar-en-toda-la-corte\/2003\/tutelas-2003\/' title='Tutelas 2003' class='pt-cv-tax-tutelas-2003'>Tutelas 2003<\/a><\/div>\n<h4 class=\"pt-cv-title\"><a href=\"https:\/\/www.dmsjuridica.com\/buscador_20179478954\/corteconstitucionalcronologico202454587\/t-771-03\/\" class=\"_self\" target=\"_self\" >T-771-03<\/a><\/h4>\n<div class=\"pt-cv-content\">\u00a0 \u00a0 Sentencia T-771\/03 \u00a0 DERECHO A LA PENSION DE INVALIDEZ-Conexidad con el m\u00ednimo vital \u00a0 La tutela no s\u00f3lo debe prosperar cuando se trata de personas que han cumplido los requisitos para la pensi\u00f3n de vejez y no les ha sido reconocida por falta de expedici\u00f3n del bono pensional. Igualmente, debe ser tutelado el derecho al reconocimiento de la pensi\u00f3n en conexidad con el m\u00ednimo vital de aquellas personas que por su estado de invalidez tienen derecho a tal concesi\u00f3n. Tales personas se encuentran en un estado de indefensi\u00f3n y limitaci\u00f3n que merece una especial protecci\u00f3n. Es muy dif\u00edcil ...<br \/><div class=\"pt-cv-rmwrap\"><a href=\"https:\/\/www.dmsjuridica.com\/buscador_20179478954\/corteconstitucionalcronologico202454587\/t-771-03\/\" class=\"_self pt-cv-readmore btn btn-success\" target=\"_self\">Ver Sentencia Completa...<\/a><\/div><\/div><\/div><\/div>\n<div class=\"col-md-12 col-sm-12 col-xs-12 pt-cv-content-item pt-cv-1-col\" ><div class='pt-cv-ifield'><a href=\"https:\/\/www.dmsjuridica.com\/buscador_20179478954\/corteconstitucionalcronologico202454587\/t-769-03\/\" class=\"_self pt-cv-href-thumbnail pt-cv-thumb-default\" target=\"_self\" ><\/a>\n<div class=\"pt-cv-taxoterm above_title\"><a href='https:\/\/www.dmsjuridica.com\/buscador_20179478954\/corteconstitucionalcronologico202454587\/category\/buscar-en-toda-la-corte\/2003\/tutelas-2003\/' title='Tutelas 2003' class='pt-cv-tax-tutelas-2003'>Tutelas 2003<\/a><\/div>\n<h4 class=\"pt-cv-title\"><a href=\"https:\/\/www.dmsjuridica.com\/buscador_20179478954\/corteconstitucionalcronologico202454587\/t-769-03\/\" class=\"_self\" target=\"_self\" >T-769-03<\/a><\/h4>\n<div class=\"pt-cv-content\">\u00a0 \u00a0 Sentencia T-769\/03 \u00a0 ACCION DE TUTELA-Improcedencia para ordenar reconocimiento de pensiones\u00a0 \u00a0 La acci\u00f3n de tutela s\u00f3lo ampara el derecho al pago oportuno de mesadas pensionales ciertas e indiscutibles, pues aquellos montos que se discuten o que no hubieren sido expresamente reconocidos, deber\u00e1n cobrarse en la justicia ordinaria laboral. \u00a0 Referencia: expediente T-762337 \u00a0 Peticionario: Jorge Eli\u00e9cer Forero \u00a0 Procedencia: Tribunal Administrativo de Cundinamarca \u00a0 Magistrado Ponente: \u00a0 Dr. MARCO GERARDO MONROY CABRA \u00a0 Bogot\u00e1, D.C., cuatro (4) de septiembre de dos mil tres (2003). \u00a0 La Sala Sexta de Revisi\u00f3n de la Corte Constitucional, integrada por los ...<br \/><div class=\"pt-cv-rmwrap\"><a href=\"https:\/\/www.dmsjuridica.com\/buscador_20179478954\/corteconstitucionalcronologico202454587\/t-769-03\/\" class=\"_self pt-cv-readmore btn btn-success\" target=\"_self\">Ver Sentencia Completa...<\/a><\/div><\/div><\/div><\/div>\n<div class=\"col-md-12 col-sm-12 col-xs-12 pt-cv-content-item pt-cv-1-col\" ><div class='pt-cv-ifield'><a href=\"https:\/\/www.dmsjuridica.com\/buscador_20179478954\/corteconstitucionalcronologico202454587\/t-768-03\/\" class=\"_self pt-cv-href-thumbnail pt-cv-thumb-default\" target=\"_self\" ><\/a>\n<div class=\"pt-cv-taxoterm above_title\"><a href='https:\/\/www.dmsjuridica.com\/buscador_20179478954\/corteconstitucionalcronologico202454587\/category\/buscar-en-toda-la-corte\/2003\/tutelas-2003\/' title='Tutelas 2003' class='pt-cv-tax-tutelas-2003'>Tutelas 2003<\/a><\/div>\n<h4 class=\"pt-cv-title\"><a href=\"https:\/\/www.dmsjuridica.com\/buscador_20179478954\/corteconstitucionalcronologico202454587\/t-768-03\/\" class=\"_self\" target=\"_self\" >T-768-03<\/a><\/h4>\n<div class=\"pt-cv-content\">\u00a0 \u00a0 Sentencia T-768\/03 \u00a0 FALTA DE LEGITIMACION POR ACTIVA EN TUTELA-Abogado con poder especial conferido para asunto diferente \u00a0 En el caso presente, la demanda no fue interpuesta por la persona jur\u00eddica que estaba legitimada para hacerlo, sino que lo fue por un abogado que hab\u00eda recibido un poder de aquella para intervenir como su apoderado en un proceso diferente. Ante esta situaci\u00f3n, es claro que en este proceso no se halla satisfecha la legitimidad por activa pues quien pretende el amparo constitucional no es el titular del derecho fundamental invocado sino una persona diferente, que dice obrar como ...<br \/><div class=\"pt-cv-rmwrap\"><a href=\"https:\/\/www.dmsjuridica.com\/buscador_20179478954\/corteconstitucionalcronologico202454587\/t-768-03\/\" class=\"_self pt-cv-readmore btn btn-success\" target=\"_self\">Ver Sentencia Completa...<\/a><\/div><\/div><\/div><\/div>\n<div class=\"col-md-12 col-sm-12 col-xs-12 pt-cv-content-item pt-cv-1-col\" ><div class='pt-cv-ifield'><a href=\"https:\/\/www.dmsjuridica.com\/buscador_20179478954\/corteconstitucionalcronologico202454587\/t-767-03\/\" class=\"_self pt-cv-href-thumbnail pt-cv-thumb-default\" target=\"_self\" ><\/a>\n<div class=\"pt-cv-taxoterm above_title\"><a href='https:\/\/www.dmsjuridica.com\/buscador_20179478954\/corteconstitucionalcronologico202454587\/category\/buscar-en-toda-la-corte\/2003\/tutelas-2003\/' title='Tutelas 2003' class='pt-cv-tax-tutelas-2003'>Tutelas 2003<\/a><\/div>\n<h4 class=\"pt-cv-title\"><a href=\"https:\/\/www.dmsjuridica.com\/buscador_20179478954\/corteconstitucionalcronologico202454587\/t-767-03\/\" class=\"_self\" target=\"_self\" >T-767-03<\/a><\/h4>\n<div class=\"pt-cv-content\">\u00a0 \u00a0 Sentencia T-767\/03 \u00a0 REINTEGRO-Improcedencia cuando la entidad p\u00fablica o privada se encuentra en liquidaci\u00f3n \u00a0 DERECHO A LA SALUD-Suspensi\u00f3n de la atenci\u00f3n por parte de EPS por agotarse periodo de cubrimiento posterior a la desafiliaci\u00f3n por despido \u00a0 El despido del demandante, no se fundament\u00f3 en los problemas de salud que lo aquejan, la conducta de la Financiera FES en liquidaci\u00f3n, no desconoci\u00f3 sus derechos, por el contrario, reconoci\u00f3 al actor el pago de la indemnizaci\u00f3n correspondiente, y si considera que el despido o la indemnizaci\u00f3n son injustos, puede alegar esta pretensi\u00f3n ante la jurisdicci\u00f3n ordinaria laboral, como ...<br \/><div class=\"pt-cv-rmwrap\"><a href=\"https:\/\/www.dmsjuridica.com\/buscador_20179478954\/corteconstitucionalcronologico202454587\/t-767-03\/\" class=\"_self pt-cv-readmore btn btn-success\" target=\"_self\">Ver Sentencia Completa...<\/a><\/div><\/div><\/div><\/div>\n<div class=\"col-md-12 col-sm-12 col-xs-12 pt-cv-content-item pt-cv-1-col\" ><div class='pt-cv-ifield'><a href=\"https:\/\/www.dmsjuridica.com\/buscador_20179478954\/corteconstitucionalcronologico202454587\/t-766-03\/\" class=\"_self pt-cv-href-thumbnail pt-cv-thumb-default\" target=\"_self\" ><\/a>\n<div class=\"pt-cv-taxoterm above_title\"><a href='https:\/\/www.dmsjuridica.com\/buscador_20179478954\/corteconstitucionalcronologico202454587\/category\/buscar-en-toda-la-corte\/2003\/tutelas-2003\/' title='Tutelas 2003' class='pt-cv-tax-tutelas-2003'>Tutelas 2003<\/a><\/div>\n<h4 class=\"pt-cv-title\"><a href=\"https:\/\/www.dmsjuridica.com\/buscador_20179478954\/corteconstitucionalcronologico202454587\/t-766-03\/\" class=\"_self\" target=\"_self\" >T-766-03<\/a><\/h4>\n<div class=\"pt-cv-content\">\u00a0 \u00a0 Sentencia T-766\/03 \u00a0 DERECHO DE PETICION EN MATERIA PENSIONAL-T\u00e9rmino para resolver\u00a0 \u00a0 Referencia: expediente T-764020 \u00a0 Acci\u00f3n de tutela de Jes\u00fas Daniel Avila L\u00f3pez contra del Fondo Territorial de Pensiones de C\u00f3rdoba. \u00a0 Procedencia: Juzgado Primero Laboral del Circuito de Monter\u00eda. \u00a0 Magistrado Ponente: \u00a0 Dr. ALFREDO BELTR\u00c1N SIERRA. \u00a0 Bogot\u00e1, D. C., cuatro (4) de septiembre de dos mil tres (2003). \u00a0 La Sala Segunda (2a.) de Revisi\u00f3n de la Corte Constitucional, integrada por los magistrados Alfredo Beltr\u00e1n Sierra, Manuel Jos\u00e9 Cepeda Espinosa y Jaime C\u00f3rdoba Trivi\u00f1o en ejercicio de sus competencias constitucionales y legales, ha proferido ...<br \/><div class=\"pt-cv-rmwrap\"><a href=\"https:\/\/www.dmsjuridica.com\/buscador_20179478954\/corteconstitucionalcronologico202454587\/t-766-03\/\" class=\"_self pt-cv-readmore btn btn-success\" target=\"_self\">Ver Sentencia Completa...<\/a><\/div><\/div><\/div><\/div>\n<div class=\"col-md-12 col-sm-12 col-xs-12 pt-cv-content-item pt-cv-1-col\" ><div class='pt-cv-ifield'><a href=\"https:\/\/www.dmsjuridica.com\/buscador_20179478954\/corteconstitucionalcronologico202454587\/t-765-03\/\" class=\"_self pt-cv-href-thumbnail pt-cv-thumb-default\" target=\"_self\" ><\/a>\n<div class=\"pt-cv-taxoterm above_title\"><a href='https:\/\/www.dmsjuridica.com\/buscador_20179478954\/corteconstitucionalcronologico202454587\/category\/buscar-en-toda-la-corte\/2003\/tutelas-2003\/' title='Tutelas 2003' class='pt-cv-tax-tutelas-2003'>Tutelas 2003<\/a><\/div>\n<h4 class=\"pt-cv-title\"><a href=\"https:\/\/www.dmsjuridica.com\/buscador_20179478954\/corteconstitucionalcronologico202454587\/t-765-03\/\" class=\"_self\" target=\"_self\" >T-765-03<\/a><\/h4>\n<div class=\"pt-cv-content\">\u00a0 \u00a0 \u00a0 \u00a0 Sentencia T-765\/03 \u00a0 DESPIDO DE EMPLEADO-Se debe probar la relaci\u00f3n de causalidad en caso de persona enferma \u00a0 Independientemente de las razones de origen legal que puedan existir para desvincular a una persona, el hecho de comprobar que el fondo del asunto, es la enfermedad que la aqueja, hace que dicha decisi\u00f3n se considere arbitraria y por tanto procede el amparo por v\u00eda de tutela. No puede considerarse que la desvinculaci\u00f3n del demandante, sea \u00fanicamente por su enfermedad, y esto hace que la protecci\u00f3n que se reclama por v\u00eda de tutela, sea despachada desfavorablemente, puesto que ...<br \/><div class=\"pt-cv-rmwrap\"><a href=\"https:\/\/www.dmsjuridica.com\/buscador_20179478954\/corteconstitucionalcronologico202454587\/t-765-03\/\" class=\"_self pt-cv-readmore btn btn-success\" target=\"_self\">Ver Sentencia Completa...<\/a><\/div><\/div><\/div><\/div>\n<div class=\"col-md-12 col-sm-12 col-xs-12 pt-cv-content-item pt-cv-1-col\" ><div class='pt-cv-ifield'><a href=\"https:\/\/www.dmsjuridica.com\/buscador_20179478954\/corteconstitucionalcronologico202454587\/t-764-03\/\" class=\"_self pt-cv-href-thumbnail pt-cv-thumb-default\" target=\"_self\" ><\/a>\n<div class=\"pt-cv-taxoterm above_title\"><a href='https:\/\/www.dmsjuridica.com\/buscador_20179478954\/corteconstitucionalcronologico202454587\/category\/buscar-en-toda-la-corte\/2003\/tutelas-2003\/' title='Tutelas 2003' class='pt-cv-tax-tutelas-2003'>Tutelas 2003<\/a><\/div>\n<h4 class=\"pt-cv-title\"><a href=\"https:\/\/www.dmsjuridica.com\/buscador_20179478954\/corteconstitucionalcronologico202454587\/t-764-03\/\" class=\"_self\" target=\"_self\" >T-764-03<\/a><\/h4>\n<div class=\"pt-cv-content\">\u00a0 \u00a0 Sentencia T-764\/03 \u00a0 DERECHO AL SUBSIDIO FAMILIAR DEL NI\u00d1O-Protecci\u00f3n por tutela \u00a0 La reclamaci\u00f3n del pago del subsidio familiar, comprendido \u00e9ste dentro del concepto de seguridad social, no resultar\u00eda viable por v\u00eda de la acci\u00f3n de tutela. Sin embargo, en tanto los sujetos de derecho que se involucran en esta decisi\u00f3n, corresponden con aquellos personas para quienes el subsidio familiar es un derecho fundamental por naturaleza, siendo el caso de los ni\u00f1os, y por conexidad en el caso de las personas de la tercera edad, la acci\u00f3n de tutela puede convertirse en un mecanismo de defensa id\u00f3neo y ...<br \/><div class=\"pt-cv-rmwrap\"><a href=\"https:\/\/www.dmsjuridica.com\/buscador_20179478954\/corteconstitucionalcronologico202454587\/t-764-03\/\" class=\"_self pt-cv-readmore btn btn-success\" target=\"_self\">Ver Sentencia Completa...<\/a><\/div><\/div><\/div><\/div>\n<div class=\"col-md-12 col-sm-12 col-xs-12 pt-cv-content-item pt-cv-1-col\" ><div class='pt-cv-ifield'><a href=\"https:\/\/www.dmsjuridica.com\/buscador_20179478954\/corteconstitucionalcronologico202454587\/t-763-03\/\" class=\"_self pt-cv-href-thumbnail pt-cv-thumb-default\" target=\"_self\" ><\/a>\n<div class=\"pt-cv-taxoterm above_title\"><a href='https:\/\/www.dmsjuridica.com\/buscador_20179478954\/corteconstitucionalcronologico202454587\/category\/buscar-en-toda-la-corte\/2003\/tutelas-2003\/' title='Tutelas 2003' class='pt-cv-tax-tutelas-2003'>Tutelas 2003<\/a><\/div>\n<h4 class=\"pt-cv-title\"><a href=\"https:\/\/www.dmsjuridica.com\/buscador_20179478954\/corteconstitucionalcronologico202454587\/t-763-03\/\" class=\"_self\" target=\"_self\" >T-763-03<\/a><\/h4>\n<div class=\"pt-cv-content\">\u00a0 \u00a0 Sentencia T-763\/03 \u00a0 PENSION DE SOBREVIVIENTES-Hijo mayor de dieciocho a\u00f1os que se encuentra estudiando \u00a0 PENSION DE SOBREVIVIENTES-Exigencia de requisitos de intensidad horaria como estudiante para ser beneficiario\/AUTONOMIA UNIVERSITARIA-Se puede establecer en sus programas intensidad horaria \u00a0 Es dable concluir que de acuerdo a \u00e9ste nuevo esquema educativo, que se sustenta en el deber impuesto al Estado por el art\u00edculo 67 de la Constituci\u00f3n Pol\u00edtica, de regular y ejercer la suprema inspecci\u00f3n y vigilancia de la educaci\u00f3n con el fin de velar por su calidad, cumplimiento de sus fines y por la mejor formaci\u00f3n moral, intelectual y f\u00edsica ...<br \/><div class=\"pt-cv-rmwrap\"><a href=\"https:\/\/www.dmsjuridica.com\/buscador_20179478954\/corteconstitucionalcronologico202454587\/t-763-03\/\" class=\"_self pt-cv-readmore btn btn-success\" target=\"_self\">Ver Sentencia Completa...<\/a><\/div><\/div><\/div><\/div>\n<div class=\"col-md-12 col-sm-12 col-xs-12 pt-cv-content-item pt-cv-1-col\" ><div class='pt-cv-ifield'><a href=\"https:\/\/www.dmsjuridica.com\/buscador_20179478954\/corteconstitucionalcronologico202454587\/t-762-03\/\" class=\"_self pt-cv-href-thumbnail pt-cv-thumb-default\" target=\"_self\" ><\/a>\n<div class=\"pt-cv-taxoterm above_title\"><a href='https:\/\/www.dmsjuridica.com\/buscador_20179478954\/corteconstitucionalcronologico202454587\/category\/buscar-en-toda-la-corte\/2003\/tutelas-2003\/' title='Tutelas 2003' class='pt-cv-tax-tutelas-2003'>Tutelas 2003<\/a><\/div>\n<h4 class=\"pt-cv-title\"><a href=\"https:\/\/www.dmsjuridica.com\/buscador_20179478954\/corteconstitucionalcronologico202454587\/t-762-03\/\" class=\"_self\" target=\"_self\" >T-762-03<\/a><\/h4>\n<div class=\"pt-cv-content\">\u00a0 \u00a0 Sentencia T-762\/03 \u00a0 ACCION DE TUTELA-Improcedencia por no darse el presupuesto de la inmediatez\/REGIMEN CONTRIBUTIVO DE SEGURIDAD SOCIAL EN SALUD-Obligaci\u00f3n de cotizar \u00a0 La Sala considera que el tiempo que dej\u00f3 transcurrir el actor entre el momento en el que la IPS demandada dej\u00f3 de prestarle los servicios m\u00e9dico \u2013asistenciales y el momento en el que \u00e9l present\u00f3 la acci\u00f3n de tutela no es razonable. De modo que si en el a\u00f1o de 2001 el actor ejecut\u00f3 una obra por un valor de $8.000.000.oo, y se desempe\u00f1\u00f3 como docente de c\u00e1tedra en el Servicio Nacional de Aprendizaje \u2212SENA\u2212, ...<br \/><div class=\"pt-cv-rmwrap\"><a href=\"https:\/\/www.dmsjuridica.com\/buscador_20179478954\/corteconstitucionalcronologico202454587\/t-762-03\/\" class=\"_self pt-cv-readmore btn btn-success\" target=\"_self\">Ver Sentencia Completa...<\/a><\/div><\/div><\/div><\/div>\n<div class=\"col-md-12 col-sm-12 col-xs-12 pt-cv-content-item pt-cv-1-col\" ><div class='pt-cv-ifield'><a href=\"https:\/\/www.dmsjuridica.com\/buscador_20179478954\/corteconstitucionalcronologico202454587\/t-761-03\/\" class=\"_self pt-cv-href-thumbnail pt-cv-thumb-default\" target=\"_self\" ><\/a>\n<div class=\"pt-cv-taxoterm above_title\"><a href='https:\/\/www.dmsjuridica.com\/buscador_20179478954\/corteconstitucionalcronologico202454587\/category\/buscar-en-toda-la-corte\/2003\/tutelas-2003\/' title='Tutelas 2003' class='pt-cv-tax-tutelas-2003'>Tutelas 2003<\/a><\/div>\n<h4 class=\"pt-cv-title\"><a href=\"https:\/\/www.dmsjuridica.com\/buscador_20179478954\/corteconstitucionalcronologico202454587\/t-761-03\/\" class=\"_self\" target=\"_self\" >T-761-03<\/a><\/h4>\n<div class=\"pt-cv-content\">\u00a0 \u00a0 Sentencia T-761\/03 \u00a0 PENSION DE INVALIDEZ-Improcedencia de reconocimiento por tutela\/ACCION DE TUTELA-Improcedencia respecto a expectativa sobre derecho pensional \u00a0 El agotamiento de los recursos ordinarios es un requisito indispensable para poder acudir a la acci\u00f3n de tutela con el objeto de revisar las actuaciones administrativas acusadas pues a trav\u00e9s de los recursos es que los interesados pueden defenderse de los posibles desaciertos de la administraci\u00f3n, bien sea por irregularidad formal, injusticia o inconveniencia, hip\u00f3tesis todas previstas en la ley, y que provocan con su uso la denominada \"v\u00eda gubernativa\", ello con el fin de permitir a la Administraci\u00f3n ...<br \/><div class=\"pt-cv-rmwrap\"><a href=\"https:\/\/www.dmsjuridica.com\/buscador_20179478954\/corteconstitucionalcronologico202454587\/t-761-03\/\" class=\"_self pt-cv-readmore btn btn-success\" target=\"_self\">Ver Sentencia Completa...<\/a><\/div><\/div><\/div><\/div>\n<div class=\"col-md-12 col-sm-12 col-xs-12 pt-cv-content-item pt-cv-1-col\" ><div class='pt-cv-ifield'><a href=\"https:\/\/www.dmsjuridica.com\/buscador_20179478954\/corteconstitucionalcronologico202454587\/t-760-03\/\" class=\"_self pt-cv-href-thumbnail pt-cv-thumb-default\" target=\"_self\" ><\/a>\n<div class=\"pt-cv-taxoterm above_title\"><a href='https:\/\/www.dmsjuridica.com\/buscador_20179478954\/corteconstitucionalcronologico202454587\/category\/buscar-en-toda-la-corte\/2003\/tutelas-2003\/' title='Tutelas 2003' class='pt-cv-tax-tutelas-2003'>Tutelas 2003<\/a><\/div>\n<h4 class=\"pt-cv-title\"><a href=\"https:\/\/www.dmsjuridica.com\/buscador_20179478954\/corteconstitucionalcronologico202454587\/t-760-03\/\" class=\"_self\" target=\"_self\" >T-760-03<\/a><\/h4>\n<div class=\"pt-cv-content\">\u00a0 \u00a0 Sentencia T-760\/03 \u00a0 DERECHO DE PETICION-T\u00e9rmino para resolver reconocimiento y pago de pensiones\/PENSION DE JUBILACION-T\u00e9rmino de seis meses para tr\u00e1mite y pago \u00a0 Se tiene que el Seguro Social, al dejar vencer el t\u00e9rmino para informar o resolver sobre lo pedido, no ha tenido en cuenta la legislaci\u00f3n ni la jurisprudencia constitucional sobre el derecho fundamental de petici\u00f3n que asiste a la peticionaria. Por lo tanto, la Sala amparar\u00e1 este derecho a la accionante, revocar\u00e1 la sentencia proferida por el juez de instancia y en su reemplazo ordenar\u00e1 al Seguro Social que en el t\u00e9rmino de cuarenta y ...<br \/><div class=\"pt-cv-rmwrap\"><a href=\"https:\/\/www.dmsjuridica.com\/buscador_20179478954\/corteconstitucionalcronologico202454587\/t-760-03\/\" class=\"_self pt-cv-readmore btn btn-success\" target=\"_self\">Ver Sentencia Completa...<\/a><\/div><\/div><\/div><\/div>\n<div class=\"col-md-12 col-sm-12 col-xs-12 pt-cv-content-item pt-cv-1-col\" ><div class='pt-cv-ifield'><a href=\"https:\/\/www.dmsjuridica.com\/buscador_20179478954\/corteconstitucionalcronologico202454587\/t-759-03\/\" class=\"_self pt-cv-href-thumbnail pt-cv-thumb-default\" target=\"_self\" ><\/a>\n<div class=\"pt-cv-taxoterm above_title\"><a href='https:\/\/www.dmsjuridica.com\/buscador_20179478954\/corteconstitucionalcronologico202454587\/category\/buscar-en-toda-la-corte\/2003\/tutelas-2003\/' title='Tutelas 2003' class='pt-cv-tax-tutelas-2003'>Tutelas 2003<\/a><\/div>\n<h4 class=\"pt-cv-title\"><a href=\"https:\/\/www.dmsjuridica.com\/buscador_20179478954\/corteconstitucionalcronologico202454587\/t-759-03\/\" class=\"_self\" target=\"_self\" >T-759-03<\/a><\/h4>\n<div class=\"pt-cv-content\">\u00a0 \u00a0 Sentencia T-759\/03 \u00a0 PRESCRIPCION DE LA ACCION REIVINDICATORIA-Improcedencia de la tutela para revivir t\u00e9rminos\/ACCION DE TUTELA-Inmediatez \u00a0 El amparo constitucional al debido proceso instaurado por la accionante deber\u00e1 negarse, porque la Sala accionada neg\u00f3 los cargos contra la sentencia proferida por la Sala Civil y Agraria del Tribunal Superior de Cundinamarca en noviembre de 1995, es decir hace m\u00e1s de siete a\u00f1os, y desde entonces tienen que haberse producido evidentes modificaciones en las circunstancias que dieron origen al fallo, como tambi\u00e9n en situaciones atinentes al bien y a sus titulares, ajenas a \u00e9ste. Situaciones \u00e9stas que no es ...<br \/><div class=\"pt-cv-rmwrap\"><a href=\"https:\/\/www.dmsjuridica.com\/buscador_20179478954\/corteconstitucionalcronologico202454587\/t-759-03\/\" class=\"_self pt-cv-readmore btn btn-success\" target=\"_self\">Ver Sentencia Completa...<\/a><\/div><\/div><\/div><\/div>\n<div class=\"col-md-12 col-sm-12 col-xs-12 pt-cv-content-item pt-cv-1-col\" ><div class='pt-cv-ifield'><a href=\"https:\/\/www.dmsjuridica.com\/buscador_20179478954\/corteconstitucionalcronologico202454587\/t-758-03\/\" class=\"_self pt-cv-href-thumbnail pt-cv-thumb-default\" target=\"_self\" ><\/a>\n<div class=\"pt-cv-taxoterm above_title\"><a href='https:\/\/www.dmsjuridica.com\/buscador_20179478954\/corteconstitucionalcronologico202454587\/category\/buscar-en-toda-la-corte\/2003\/tutelas-2003\/' title='Tutelas 2003' class='pt-cv-tax-tutelas-2003'>Tutelas 2003<\/a><\/div>\n<h4 class=\"pt-cv-title\"><a href=\"https:\/\/www.dmsjuridica.com\/buscador_20179478954\/corteconstitucionalcronologico202454587\/t-758-03\/\" class=\"_self\" target=\"_self\" >T-758-03<\/a><\/h4>\n<div class=\"pt-cv-content\">\u00a0 \u00a0 Sentencia T-758\/03 \u00a0 ACCION DE TUTELA-Hecho consumado por haber transcurrido seis meses de prohibici\u00f3n de visitas a c\u00e1rcel \u00a0 ESTABLECIMIENTO CARCELARIO-Prohibici\u00f3n de visitas\/DEBIDO PROCESO DE VISITANTES DE ESTABLECIMIENTO CARCELARIO-Violaci\u00f3n \u00a0 La autoridad carcelaria no garantiz\u00f3 a las accionantes de manera adecuada el derecho fundamental al debido proceso, ya que no fueron previamente escuchadas sobre su versi\u00f3n de los hechos, como tampoco se les inform\u00f3 directamente de la decisi\u00f3n y si contra ella proced\u00edan recursos; omisiones que en su momento causaron la vulneraci\u00f3n del derecho fundamental invocado. \u00a0A juicio de la Sala, es evidente que la autoridad carcelaria se ...<br \/><div class=\"pt-cv-rmwrap\"><a href=\"https:\/\/www.dmsjuridica.com\/buscador_20179478954\/corteconstitucionalcronologico202454587\/t-758-03\/\" class=\"_self pt-cv-readmore btn btn-success\" target=\"_self\">Ver Sentencia Completa...<\/a><\/div><\/div><\/div><\/div>\n<div class=\"col-md-12 col-sm-12 col-xs-12 pt-cv-content-item pt-cv-1-col\" ><div class='pt-cv-ifield'><a href=\"https:\/\/www.dmsjuridica.com\/buscador_20179478954\/corteconstitucionalcronologico202454587\/t-757-03\/\" class=\"_self pt-cv-href-thumbnail pt-cv-thumb-default\" target=\"_self\" ><\/a>\n<div class=\"pt-cv-taxoterm above_title\"><a href='https:\/\/www.dmsjuridica.com\/buscador_20179478954\/corteconstitucionalcronologico202454587\/category\/buscar-en-toda-la-corte\/2003\/tutelas-2003\/' title='Tutelas 2003' class='pt-cv-tax-tutelas-2003'>Tutelas 2003<\/a><\/div>\n<h4 class=\"pt-cv-title\"><a href=\"https:\/\/www.dmsjuridica.com\/buscador_20179478954\/corteconstitucionalcronologico202454587\/t-757-03\/\" class=\"_self\" target=\"_self\" >T-757-03<\/a><\/h4>\n<div class=\"pt-cv-content\">\u00a0 \u00a0 Sentencia T-757\/03 \u00a0 DERECHO AL TRABAJO-Casos en que procede la tutela \u00a0 CONFLICTO LABORAL-Casos en que procede la tutela \u00a0 La Corte ha admitido que ante la existencia de circunstancias excepcionales la acci\u00f3n de tutela es procedente para resolver conflictos laborales siempre que se re\u00fanan las siguientes condiciones: i) que se trate de la protecci\u00f3n de un derecho fundamental; ii) que la amenaza o la lesi\u00f3n del derecho fundamental pueda ser verificada por el juez de tutela, y, iii) que el derecho amenazado no pueda ser salvaguardado integralmente mediante el mecanismo ordinario existente. En lo que hace relaci\u00f3n ...<br \/><div class=\"pt-cv-rmwrap\"><a href=\"https:\/\/www.dmsjuridica.com\/buscador_20179478954\/corteconstitucionalcronologico202454587\/t-757-03\/\" class=\"_self pt-cv-readmore btn btn-success\" target=\"_self\">Ver Sentencia Completa...<\/a><\/div><\/div><\/div><\/div>\n<div class=\"col-md-12 col-sm-12 col-xs-12 pt-cv-content-item pt-cv-1-col\" ><div class='pt-cv-ifield'><a href=\"https:\/\/www.dmsjuridica.com\/buscador_20179478954\/corteconstitucionalcronologico202454587\/t-756-03\/\" class=\"_self pt-cv-href-thumbnail pt-cv-thumb-default\" target=\"_self\" ><\/a>\n<div class=\"pt-cv-taxoterm above_title\"><a href='https:\/\/www.dmsjuridica.com\/buscador_20179478954\/corteconstitucionalcronologico202454587\/category\/buscar-en-toda-la-corte\/2003\/tutelas-2003\/' title='Tutelas 2003' class='pt-cv-tax-tutelas-2003'>Tutelas 2003<\/a><\/div>\n<h4 class=\"pt-cv-title\"><a href=\"https:\/\/www.dmsjuridica.com\/buscador_20179478954\/corteconstitucionalcronologico202454587\/t-756-03\/\" class=\"_self\" target=\"_self\" >T-756-03<\/a><\/h4>\n<div class=\"pt-cv-content\">\u00a0 \u00a0 Sentencia T-756\/03 \u00a0 DERECHO A LA VIVIENDA DIGNA-Car\u00e1cter prestacional \u00a0 Ha sido reiterada la jurisprudencia de la Corte Constitucional que ha considerado que la posibilidad de poseer una vivienda en condiciones dignas no es un derecho de raigambre fundamental sino prestacional, raz\u00f3n por la cual en principio est\u00e1 exclu\u00eddo de amparo por la v\u00eda de la tutela. En efecto, puede ser objeto de protecci\u00f3n judicial a trav\u00e9s de las acciones y procedimientos consagrados en la ley y s\u00f3lo por excepci\u00f3n puede obtenerse su defensa a trav\u00e9s del mecanismo de la tutela ante situaciones en las que su desconocimiento ...<br \/><div class=\"pt-cv-rmwrap\"><a href=\"https:\/\/www.dmsjuridica.com\/buscador_20179478954\/corteconstitucionalcronologico202454587\/t-756-03\/\" class=\"_self pt-cv-readmore btn btn-success\" target=\"_self\">Ver Sentencia Completa...<\/a><\/div><\/div><\/div><\/div>\n<div class=\"col-md-12 col-sm-12 col-xs-12 pt-cv-content-item pt-cv-1-col\" ><div class='pt-cv-ifield'><a href=\"https:\/\/www.dmsjuridica.com\/buscador_20179478954\/corteconstitucionalcronologico202454587\/t-755-03\/\" class=\"_self pt-cv-href-thumbnail pt-cv-thumb-default\" target=\"_self\" ><\/a>\n<div class=\"pt-cv-taxoterm above_title\"><a href='https:\/\/www.dmsjuridica.com\/buscador_20179478954\/corteconstitucionalcronologico202454587\/category\/buscar-en-toda-la-corte\/2003\/tutelas-2003\/' title='Tutelas 2003' class='pt-cv-tax-tutelas-2003'>Tutelas 2003<\/a><\/div>\n<h4 class=\"pt-cv-title\"><a href=\"https:\/\/www.dmsjuridica.com\/buscador_20179478954\/corteconstitucionalcronologico202454587\/t-755-03\/\" class=\"_self\" target=\"_self\" >T-755-03<\/a><\/h4>\n<div class=\"pt-cv-content\">\u00a0 \u00a0 Sentencia T-755\/03 \u00a0 TRASLADO DE PERSONA ENFERMA-Casos en que EPS o ARS est\u00e1n obligadas a cubrir costo de transporte \u00a0 La correspondiente E.P.S. esta obligada a cubrir el costo del transporte de sus usuarios, en dos eventualidades: (1) cuando se trata de zonas especiales en donde se paga una UPC diferencial mayor, de acuerdo con lo dispuesto en la Resoluci\u00f3n No.5261 de 1994 y (2) aquellos eventos relativos a tratamientos incluidos en el P.O.S., siempre que el paciente demuestre que le es imposible desplazarse por sus propios medios, y que su familia no cuenta con los recursos necesarios ...<br \/><div class=\"pt-cv-rmwrap\"><a href=\"https:\/\/www.dmsjuridica.com\/buscador_20179478954\/corteconstitucionalcronologico202454587\/t-755-03\/\" class=\"_self pt-cv-readmore btn btn-success\" target=\"_self\">Ver Sentencia Completa...<\/a><\/div><\/div><\/div><\/div>\n<div class=\"col-md-12 col-sm-12 col-xs-12 pt-cv-content-item pt-cv-1-col\" ><div class='pt-cv-ifield'><a href=\"https:\/\/www.dmsjuridica.com\/buscador_20179478954\/corteconstitucionalcronologico202454587\/t-754-03\/\" class=\"_self pt-cv-href-thumbnail pt-cv-thumb-default\" target=\"_self\" ><\/a>\n<div class=\"pt-cv-taxoterm above_title\"><a href='https:\/\/www.dmsjuridica.com\/buscador_20179478954\/corteconstitucionalcronologico202454587\/category\/buscar-en-toda-la-corte\/2003\/tutelas-2003\/' title='Tutelas 2003' class='pt-cv-tax-tutelas-2003'>Tutelas 2003<\/a><\/div>\n<h4 class=\"pt-cv-title\"><a href=\"https:\/\/www.dmsjuridica.com\/buscador_20179478954\/corteconstitucionalcronologico202454587\/t-754-03\/\" class=\"_self\" target=\"_self\" >T-754-03<\/a><\/h4>\n<div class=\"pt-cv-content\">\u00a0 \u00a0 Sentencia T-754\/03 \u00a0 AUTORIDAD ADUANERA-Declaratoria de abandono de menaje\/DIRECCION DE IMPUESTOS Y ADUANAS NACIONALES-Declaratoria de abandono de menaje\/SANCION ADMINISTRATIVA POR DIRECCION DE IMPUESTOS Y ADUANAS NACIONALES-Procedencia de recursos judiciales contra la declaratoria de abandono de mercanc\u00eda \u00a0 Referencia: expediente T-735664 \u00a0 Accionante: Samuel Sass\u00f3n Beltr\u00e1n y Melissa Sass\u00f3n Beltr\u00e1n\u00a0 \u00a0 Demandado: Direcci\u00f3n de Impuestos y Aduanas Nacionales y Ministerio de Hacienda y Cr\u00e9dito P\u00fablico. \u00a0 Magistrado Ponente: \u00a0 Dr. RODRIGO ESCOBAR GIL \u00a0 Bogot\u00e1, D. C., veintiocho (28) de agosto de dos mil tres (2003). \u00a0 SENTENCIA \u00a0 en el proceso de revisi\u00f3n del fallo proferido en primera ...<br \/><div class=\"pt-cv-rmwrap\"><a href=\"https:\/\/www.dmsjuridica.com\/buscador_20179478954\/corteconstitucionalcronologico202454587\/t-754-03\/\" class=\"_self pt-cv-readmore btn btn-success\" target=\"_self\">Ver Sentencia Completa...<\/a><\/div><\/div><\/div><\/div>\n<div class=\"col-md-12 col-sm-12 col-xs-12 pt-cv-content-item pt-cv-1-col\" ><div class='pt-cv-ifield'><a href=\"https:\/\/www.dmsjuridica.com\/buscador_20179478954\/corteconstitucionalcronologico202454587\/t-753-03\/\" class=\"_self pt-cv-href-thumbnail pt-cv-thumb-default\" target=\"_self\" ><\/a>\n<div class=\"pt-cv-taxoterm above_title\"><a href='https:\/\/www.dmsjuridica.com\/buscador_20179478954\/corteconstitucionalcronologico202454587\/category\/buscar-en-toda-la-corte\/2003\/tutelas-2003\/' title='Tutelas 2003' class='pt-cv-tax-tutelas-2003'>Tutelas 2003<\/a><\/div>\n<h4 class=\"pt-cv-title\"><a href=\"https:\/\/www.dmsjuridica.com\/buscador_20179478954\/corteconstitucionalcronologico202454587\/t-753-03\/\" class=\"_self\" target=\"_self\" >T-753-03<\/a><\/h4>\n<div class=\"pt-cv-content\">\u00a0 \u00a0 Sentencia T-753\/03 \u00a0 ACCION DE TUTELA-Inmediatez \u00a0 Si bien a la acci\u00f3n de tutela no se le fijo un t\u00e9rmino de caducidad para su interposici\u00f3n, su car\u00e1cter subsidiario, preferente y sumario, impone que la misma sea ejercida dentro de un plazo razonable, asegurando as\u00ed, el cumplimiento de los postulados que identifican la tutela como mecanismo de protecci\u00f3n inmediata y eficaz de los derechos fundamentales. \u00a0 PENSION POR MUERTE-Reconocimiento a madre de soldado fallecido a partir del momento en que cumpla la edad \u00a0 Reiteraci\u00f3n de Jurisprudencia \u00a0 Referencia: expediente T-737104 \u00a0 Acci\u00f3n de tutela instaurada por Blanca Luz ...<br \/><div class=\"pt-cv-rmwrap\"><a href=\"https:\/\/www.dmsjuridica.com\/buscador_20179478954\/corteconstitucionalcronologico202454587\/t-753-03\/\" class=\"_self pt-cv-readmore btn btn-success\" target=\"_self\">Ver Sentencia Completa...<\/a><\/div><\/div><\/div><\/div>\n<div class=\"col-md-12 col-sm-12 col-xs-12 pt-cv-content-item pt-cv-1-col\" ><div class='pt-cv-ifield'><a href=\"https:\/\/www.dmsjuridica.com\/buscador_20179478954\/corteconstitucionalcronologico202454587\/t-752-03\/\" class=\"_self pt-cv-href-thumbnail pt-cv-thumb-default\" target=\"_self\" ><\/a>\n<div class=\"pt-cv-taxoterm above_title\"><a href='https:\/\/www.dmsjuridica.com\/buscador_20179478954\/corteconstitucionalcronologico202454587\/category\/buscar-en-toda-la-corte\/2003\/tutelas-2003\/' title='Tutelas 2003' class='pt-cv-tax-tutelas-2003'>Tutelas 2003<\/a><\/div>\n<h4 class=\"pt-cv-title\"><a href=\"https:\/\/www.dmsjuridica.com\/buscador_20179478954\/corteconstitucionalcronologico202454587\/t-752-03\/\" class=\"_self\" target=\"_self\" >T-752-03<\/a><\/h4>\n<div class=\"pt-cv-content\">\u00a0 \u00a0 Sentencia T-752\/03 \u00a0 ADMINISTRACION PUBLICA-Provisi\u00f3n de empleos\u00a0 \u00a0 La Administraci\u00f3n P\u00fablica puede proveer empleos de acuerdo a sus necesidades con el prop\u00f3sito de velar por el cumplimiento de los fines del Estado; as\u00ed mismo, puede modificar su planta o separar a un funcionario de su cargo por razones del servicio. Tales facultades deben ejercerse con orientaci\u00f3n en los principios de igualdad, moralidad, eficacia, econom\u00eda, celeridad, imparcialidad y publicidad, consagrados en el art\u00edculo 209 de la Constituci\u00f3n. Al respecto, la Corte Constitucional se\u00f1al\u00f3:\u201cEs sabido que la Administraci\u00f3n P\u00fablica est\u00e1 leg\u00edtimamente facultada para crear, modificar, reorganizar y suprimir los cargos ...<br \/><div class=\"pt-cv-rmwrap\"><a href=\"https:\/\/www.dmsjuridica.com\/buscador_20179478954\/corteconstitucionalcronologico202454587\/t-752-03\/\" class=\"_self pt-cv-readmore btn btn-success\" target=\"_self\">Ver Sentencia Completa...<\/a><\/div><\/div><\/div><\/div>\n<div class=\"col-md-12 col-sm-12 col-xs-12 pt-cv-content-item pt-cv-1-col\" ><div class='pt-cv-ifield'><a href=\"https:\/\/www.dmsjuridica.com\/buscador_20179478954\/corteconstitucionalcronologico202454587\/t-750-03\/\" class=\"_self pt-cv-href-thumbnail pt-cv-thumb-default\" target=\"_self\" ><\/a>\n<div class=\"pt-cv-taxoterm above_title\"><a href='https:\/\/www.dmsjuridica.com\/buscador_20179478954\/corteconstitucionalcronologico202454587\/category\/buscar-en-toda-la-corte\/2003\/tutelas-2003\/' title='Tutelas 2003' class='pt-cv-tax-tutelas-2003'>Tutelas 2003<\/a><\/div>\n<h4 class=\"pt-cv-title\"><a href=\"https:\/\/www.dmsjuridica.com\/buscador_20179478954\/corteconstitucionalcronologico202454587\/t-750-03\/\" class=\"_self\" target=\"_self\" >T-750-03<\/a><\/h4>\n<div class=\"pt-cv-content\">\u00a0 \u00a0 Sentencia T-750\/03 \u00a0 DERECHOS DEL INTERNO-Corte de cabello\/DERECHO AL LIBRE DESARROLLO DE LA PERSONALIDAD DEL INTERNO-Corte de cabello\/PRINCIPIO DE ARMONIZACION CONCRETA DE LAS NORMAS CONSTITUCIONALES-Aplicaci\u00f3n \u00a0 La imposici\u00f3n de un corte de cabello rapado, esto es, cortado al rape o a ra\u00edz, desborda la finalidad de las normas disciplinarias al interior de la Penitenciar\u00eda Nacional de Acac\u00edas, por lo cual debe darse aplicaci\u00f3n al citado principio de armonizaci\u00f3n concreta de las normas constitucionales, en particular de las que consagran el principio del respeto a la dignidad del ser humano (Art. 1\u00ba) y el derecho fundamental al libre desarrollo ...<br \/><div class=\"pt-cv-rmwrap\"><a href=\"https:\/\/www.dmsjuridica.com\/buscador_20179478954\/corteconstitucionalcronologico202454587\/t-750-03\/\" class=\"_self pt-cv-readmore btn btn-success\" target=\"_self\">Ver Sentencia Completa...<\/a><\/div><\/div><\/div><\/div>\n<div class=\"col-md-12 col-sm-12 col-xs-12 pt-cv-content-item pt-cv-1-col\" ><div class='pt-cv-ifield'><a href=\"https:\/\/www.dmsjuridica.com\/buscador_20179478954\/corteconstitucionalcronologico202454587\/t-749-03\/\" class=\"_self pt-cv-href-thumbnail pt-cv-thumb-default\" target=\"_self\" ><\/a>\n<div class=\"pt-cv-taxoterm above_title\"><a href='https:\/\/www.dmsjuridica.com\/buscador_20179478954\/corteconstitucionalcronologico202454587\/category\/buscar-en-toda-la-corte\/2003\/tutelas-2003\/' title='Tutelas 2003' class='pt-cv-tax-tutelas-2003'>Tutelas 2003<\/a><\/div>\n<h4 class=\"pt-cv-title\"><a href=\"https:\/\/www.dmsjuridica.com\/buscador_20179478954\/corteconstitucionalcronologico202454587\/t-749-03\/\" class=\"_self\" target=\"_self\" >T-749-03<\/a><\/h4>\n<div class=\"pt-cv-content\">\u00a0 \u00a0 Sentencia T-749\/03 \u00a0 DERECHO A LA HONRA Y AL BUEN NOMBRE-Protecci\u00f3n mediante tutela \u00a0 Se tiene entonces que el buen nombre y la honra son derechos constitucionalmente garantizados, de car\u00e1cter fundamental, lo cual comporta, no s\u00f3lo que para su protecci\u00f3n se puede actuar directamente con base en la Constituci\u00f3n cuando a ello haya lugar, a trav\u00e9s de la acci\u00f3n de tutela, sino que, adem\u00e1s, de las propias normas constitucionales se desprende la obligaci\u00f3n para las autoridades de proveer a su protecci\u00f3n frente a los atentados arbitrarios de que sean objeto. Esto es, resulta imperativo conforme a la Constituci\u00f3n, ...<br \/><div class=\"pt-cv-rmwrap\"><a href=\"https:\/\/www.dmsjuridica.com\/buscador_20179478954\/corteconstitucionalcronologico202454587\/t-749-03\/\" class=\"_self pt-cv-readmore btn btn-success\" target=\"_self\">Ver Sentencia Completa...<\/a><\/div><\/div><\/div><\/div>\n<div class=\"col-md-12 col-sm-12 col-xs-12 pt-cv-content-item pt-cv-1-col\" ><div class='pt-cv-ifield'><a href=\"https:\/\/www.dmsjuridica.com\/buscador_20179478954\/corteconstitucionalcronologico202454587\/t-748-03\/\" class=\"_self pt-cv-href-thumbnail pt-cv-thumb-default\" target=\"_self\" ><\/a>\n<div class=\"pt-cv-taxoterm above_title\"><a href='https:\/\/www.dmsjuridica.com\/buscador_20179478954\/corteconstitucionalcronologico202454587\/category\/buscar-en-toda-la-corte\/2003\/tutelas-2003\/' title='Tutelas 2003' class='pt-cv-tax-tutelas-2003'>Tutelas 2003<\/a><\/div>\n<h4 class=\"pt-cv-title\"><a href=\"https:\/\/www.dmsjuridica.com\/buscador_20179478954\/corteconstitucionalcronologico202454587\/t-748-03\/\" class=\"_self\" target=\"_self\" >T-748-03<\/a><\/h4>\n<div class=\"pt-cv-content\">\u00a0 \u00a0 Sentencia T\u2013748\/03 \u00a0 FISCALIA GENERAL DE LA NACION-Est\u00e1 facultada para inmovilizar veh\u00edculos \u00a0 En el asunto sub judice el automotor s\u00f3lo estuvo inmovilizado, por decisi\u00f3n de la autoridad judicial, por espacio de seis (6) d\u00edas y los restantes cuatro a\u00f1os, bajo la absoluta responsabilidad del peticionario \u00a0 VEHICULO RETENIDO EN PATIOS O PARQUEADERO-Gastos de parqueo corresponden a autoridad judicial durante la actuaci\u00f3n judicial\/VEHICULO RETENIDO EN PATIOS-Cancelaci\u00f3n de expensas\u00a0 \u00a0 Es claro entonces que es la autoridad judicial que imparti\u00f3 la orden de inmovilizaci\u00f3n la que debe asumir los gastos generados por la guarda y custodia del veh\u00edculo. Empero, ...<br \/><div class=\"pt-cv-rmwrap\"><a href=\"https:\/\/www.dmsjuridica.com\/buscador_20179478954\/corteconstitucionalcronologico202454587\/t-748-03\/\" class=\"_self pt-cv-readmore btn btn-success\" target=\"_self\">Ver Sentencia Completa...<\/a><\/div><\/div><\/div><\/div>\n<div class=\"col-md-12 col-sm-12 col-xs-12 pt-cv-content-item pt-cv-1-col\" ><div class='pt-cv-ifield'><a href=\"https:\/\/www.dmsjuridica.com\/buscador_20179478954\/corteconstitucionalcronologico202454587\/t-747-03\/\" class=\"_self pt-cv-href-thumbnail pt-cv-thumb-default\" target=\"_self\" ><\/a>\n<div class=\"pt-cv-taxoterm above_title\"><a href='https:\/\/www.dmsjuridica.com\/buscador_20179478954\/corteconstitucionalcronologico202454587\/category\/buscar-en-toda-la-corte\/2003\/tutelas-2003\/' title='Tutelas 2003' class='pt-cv-tax-tutelas-2003'>Tutelas 2003<\/a><\/div>\n<h4 class=\"pt-cv-title\"><a href=\"https:\/\/www.dmsjuridica.com\/buscador_20179478954\/corteconstitucionalcronologico202454587\/t-747-03\/\" class=\"_self\" target=\"_self\" >T-747-03<\/a><\/h4>\n<div class=\"pt-cv-content\">\u00a0 \u00a0 Sentencia T-747\/03 \u00a0 DERECHO A LA SALUD DE PERSONA DE LA TERCERA EDAD Y DERECHO A LA INTEGRIDAD PERSONAL-Conexidad \u00a0 DERECHO A LA VIDA DIGNA-Suministro de pr\u00f3tesis ocular \u00a0 INAPLICACION DE NORMAS DEL PLAN OBLIGATORIO DE SALUD-Repetici\u00f3n contra el Fosyga \u00a0 Referencia: expediente T-761061 \u00a0 Acci\u00f3n de tutela de Manuel Mar\u00eda Paez Palacio contra el Seguro Social Seccional Atl\u00e1ntico. \u00a0 Procedencia: Tribunal Superior de Barranquilla, Sala Civil. \u00a0 Magistrado ponente : \u00a0 Dr. ALFREDO BELTR\u00c1N SIERRA \u00a0 Bogot\u00e1 D.C, veintiocho (28) de agosto de dos mil tres (2003). \u00a0 La Sala Segunda de Revisi\u00f3n de la Corte Constitucional, ...<br \/><div class=\"pt-cv-rmwrap\"><a href=\"https:\/\/www.dmsjuridica.com\/buscador_20179478954\/corteconstitucionalcronologico202454587\/t-747-03\/\" class=\"_self pt-cv-readmore btn btn-success\" target=\"_self\">Ver Sentencia Completa...<\/a><\/div><\/div><\/div><\/div>\n<div class=\"col-md-12 col-sm-12 col-xs-12 pt-cv-content-item pt-cv-1-col\" ><div class='pt-cv-ifield'><a href=\"https:\/\/www.dmsjuridica.com\/buscador_20179478954\/corteconstitucionalcronologico202454587\/t-746-03\/\" class=\"_self pt-cv-href-thumbnail pt-cv-thumb-default\" target=\"_self\" ><\/a>\n<div class=\"pt-cv-taxoterm above_title\"><a href='https:\/\/www.dmsjuridica.com\/buscador_20179478954\/corteconstitucionalcronologico202454587\/category\/buscar-en-toda-la-corte\/2003\/tutelas-2003\/' title='Tutelas 2003' class='pt-cv-tax-tutelas-2003'>Tutelas 2003<\/a><\/div>\n<h4 class=\"pt-cv-title\"><a href=\"https:\/\/www.dmsjuridica.com\/buscador_20179478954\/corteconstitucionalcronologico202454587\/t-746-03\/\" class=\"_self\" target=\"_self\" >T-746-03<\/a><\/h4>\n<div class=\"pt-cv-content\">\u00a0 \u00a0 Sentencia T-746\/03 \u00a0 CONCURSO DE MERITOS EN LA RAMA JUDICIAL-Obligaci\u00f3n de Juez de dar posesi\u00f3n a empleado nombrado \u00a0 FUERO SINDICAL DEL EMPLEADO JUDICIAL-Inexistencia cuando se debe proveer cargo de listas de elegibles \u00a0 CARRERA JUDICIAL-Insubsistencia de nombramiento provisional para proveer cargo de carrera \u00a0 CONCURSO DE MERITOS EN LA RAMA JUDICIAL-Nombramiento de quien obtuvo el primer puesto \u00a0 Referencia: expediente T-756676 \u00a0 Magistrado Ponente: \u00a0 Dr. ALFREDO BELTR\u00c1N SIERRA. \u00a0 Bogot\u00e1, D.C., veintiocho (28) de agosto de dos mil tres (2003). \u00a0 La Sala Segunda de Revisi\u00f3n de la Corte Constitucional, integrada por los magistrados, Alfredo Beltr\u00e1n ...<br \/><div class=\"pt-cv-rmwrap\"><a href=\"https:\/\/www.dmsjuridica.com\/buscador_20179478954\/corteconstitucionalcronologico202454587\/t-746-03\/\" class=\"_self pt-cv-readmore btn btn-success\" target=\"_self\">Ver Sentencia Completa...<\/a><\/div><\/div><\/div><\/div>\n<div class=\"col-md-12 col-sm-12 col-xs-12 pt-cv-content-item pt-cv-1-col\" ><div class='pt-cv-ifield'><a href=\"https:\/\/www.dmsjuridica.com\/buscador_20179478954\/corteconstitucionalcronologico202454587\/t-745-03\/\" class=\"_self pt-cv-href-thumbnail pt-cv-thumb-default\" target=\"_self\" ><\/a>\n<div class=\"pt-cv-taxoterm above_title\"><a href='https:\/\/www.dmsjuridica.com\/buscador_20179478954\/corteconstitucionalcronologico202454587\/category\/buscar-en-toda-la-corte\/2003\/tutelas-2003\/' title='Tutelas 2003' class='pt-cv-tax-tutelas-2003'>Tutelas 2003<\/a><\/div>\n<h4 class=\"pt-cv-title\"><a href=\"https:\/\/www.dmsjuridica.com\/buscador_20179478954\/corteconstitucionalcronologico202454587\/t-745-03\/\" class=\"_self\" target=\"_self\" >T-745-03<\/a><\/h4>\n<div class=\"pt-cv-content\">\u00a0 \u00a0 Sentencia T-745\/03 \u00a0 LIBRETA MILITAR-Pago de cuotas de compensaci\u00f3n por falta de recursos econ\u00f3micos\u00a0 \u00a0 La Sala encuentra que hay pruebas suficientes con las cuales la actora demuestra su estado de salud y la situaci\u00f3n econ\u00f3mica por la que atraviesa junto con su hijo, circunstancias por las que se denota el estado de pobreza en que se encuentra esta familia. Con fundamento en la protecci\u00f3n a la indefensi\u00f3n en que se encuentra la actora y su hijo, la Sala decide revocar el fallo proferido por el Juzgado Primero Penal del Circuito de Palmira y en su lugar conceder ...<br \/><div class=\"pt-cv-rmwrap\"><a href=\"https:\/\/www.dmsjuridica.com\/buscador_20179478954\/corteconstitucionalcronologico202454587\/t-745-03\/\" class=\"_self pt-cv-readmore btn btn-success\" target=\"_self\">Ver Sentencia Completa...<\/a><\/div><\/div><\/div><\/div>\n<div class=\"col-md-12 col-sm-12 col-xs-12 pt-cv-content-item pt-cv-1-col\" ><div class='pt-cv-ifield'><a href=\"https:\/\/www.dmsjuridica.com\/buscador_20179478954\/corteconstitucionalcronologico202454587\/t-744-03\/\" class=\"_self pt-cv-href-thumbnail pt-cv-thumb-default\" target=\"_self\" ><\/a>\n<div class=\"pt-cv-taxoterm above_title\"><a href='https:\/\/www.dmsjuridica.com\/buscador_20179478954\/corteconstitucionalcronologico202454587\/category\/buscar-en-toda-la-corte\/2003\/tutelas-2003\/' title='Tutelas 2003' class='pt-cv-tax-tutelas-2003'>Tutelas 2003<\/a><\/div>\n<h4 class=\"pt-cv-title\"><a href=\"https:\/\/www.dmsjuridica.com\/buscador_20179478954\/corteconstitucionalcronologico202454587\/t-744-03\/\" class=\"_self\" target=\"_self\" >T-744-03<\/a><\/h4>\n<div class=\"pt-cv-content\">\u00a0 \u00a0 Sentencia T-744\/03 \u00a0 ACCION DE TUTELA PARA CUMPLIMIENTO FALLO DE TUTELA\/ACCION DE TUTELA CONTRA AUTO QUE NIEGA IMPONER SANCION POR DESACATO \u00a0 CUMPLIMIENTO FALLO DE TUTELA E INCIDENTE DE DESACATO-Diferencias \u00a0 CUMPLIMIENTO FALLO DE TUTELA E INCIDENTE DE DESACATO-Juez de primera instancia no pierde competencia hasta que se de cumplimiento\u00a0 \u00a0 INCIDENTE DE DESACATO-Tr\u00e1mite incidental\u00a0 \u00a0 INCIDENTE DE DESACATO-Procedencia de tutela contra decisi\u00f3n judicial que lo resuelve \u00a0 En las \u00f3rdenes de tracto sucesivo, pueden promoverse desacatos por el reiterado incumplimiento y puede exigirse el cumplimiento en cualquier instante, inclusive el juez oficiosamente debe estar atento a hacer ...<br \/><div class=\"pt-cv-rmwrap\"><a href=\"https:\/\/www.dmsjuridica.com\/buscador_20179478954\/corteconstitucionalcronologico202454587\/t-744-03\/\" class=\"_self pt-cv-readmore btn btn-success\" target=\"_self\">Ver Sentencia Completa...<\/a><\/div><\/div><\/div><\/div>\n<div class=\"col-md-12 col-sm-12 col-xs-12 pt-cv-content-item pt-cv-1-col\" ><div class='pt-cv-ifield'><a href=\"https:\/\/www.dmsjuridica.com\/buscador_20179478954\/corteconstitucionalcronologico202454587\/t-743-03\/\" class=\"_self pt-cv-href-thumbnail pt-cv-thumb-default\" target=\"_self\" ><\/a>\n<div class=\"pt-cv-taxoterm above_title\"><a href='https:\/\/www.dmsjuridica.com\/buscador_20179478954\/corteconstitucionalcronologico202454587\/category\/buscar-en-toda-la-corte\/2003\/tutelas-2003\/' title='Tutelas 2003' class='pt-cv-tax-tutelas-2003'>Tutelas 2003<\/a><\/div>\n<h4 class=\"pt-cv-title\"><a href=\"https:\/\/www.dmsjuridica.com\/buscador_20179478954\/corteconstitucionalcronologico202454587\/t-743-03\/\" class=\"_self\" target=\"_self\" >T-743-03<\/a><\/h4>\n<div class=\"pt-cv-content\">\u00a0 \u00a0 Sentencia T-743\/03 \u00a0 ACCION DE TUTELA CONTRA PARTICULARES-Indefensi\u00f3n\u00a0 \u00a0 DERECHO DE ASOCIACION NEGATIVO-Vulneraci\u00f3n por uni\u00f3n de Toreros de Colombia \u00a0 Cuando la asociaci\u00f3n toma medidas que afectan gravemente a los no asociados, por el hecho de no pertenecer a \u00e9sta, est\u00e1 limitando ileg\u00edtimamente el derecho que tiene toda persona a escoger si se asocia o no. Para que el derecho a asociaci\u00f3n en forma negativa sea plenamente respetado, las asociaciones s\u00f3lo pueden imponer restricciones o l\u00edmites a sus asociados \u2013los cuales deben ser razonables, no impeditivos de los derechos derivados de la calidad de asociados o de aquellos ...<br \/><div class=\"pt-cv-rmwrap\"><a href=\"https:\/\/www.dmsjuridica.com\/buscador_20179478954\/corteconstitucionalcronologico202454587\/t-743-03\/\" class=\"_self pt-cv-readmore btn btn-success\" target=\"_self\">Ver Sentencia Completa...<\/a><\/div><\/div><\/div><\/div>\n<div class=\"col-md-12 col-sm-12 col-xs-12 pt-cv-content-item pt-cv-1-col\" ><div class='pt-cv-ifield'><a href=\"https:\/\/www.dmsjuridica.com\/buscador_20179478954\/corteconstitucionalcronologico202454587\/t-742-03\/\" class=\"_self pt-cv-href-thumbnail pt-cv-thumb-default\" target=\"_self\" ><\/a>\n<div class=\"pt-cv-taxoterm above_title\"><a href='https:\/\/www.dmsjuridica.com\/buscador_20179478954\/corteconstitucionalcronologico202454587\/category\/buscar-en-toda-la-corte\/2003\/tutelas-2003\/' title='Tutelas 2003' class='pt-cv-tax-tutelas-2003'>Tutelas 2003<\/a><\/div>\n<h4 class=\"pt-cv-title\"><a href=\"https:\/\/www.dmsjuridica.com\/buscador_20179478954\/corteconstitucionalcronologico202454587\/t-742-03\/\" class=\"_self\" target=\"_self\" >T-742-03<\/a><\/h4>\n<div class=\"pt-cv-content\">\u00a0 \u00a0 Sentencia T-742\/03 \u00a0 SINDICATO-Representaci\u00f3n \u00a0 \u00a0 \u00a0 IGUALDAD SALARIAL-Durante el tr\u00e1mite del conflicto colectivo \u00a0 IGUALDAD EN LAS CONDICIONES DE TRABAJO\u00a0 \u00a0 DERECHO DE ASOCIACION SINDICAL-Discriminaci\u00f3n salarial lo afecta\u00a0 \u00a0 IGUALDAD SALARIAL-Procedencia de la tutela para reclamarla\u00a0 \u00a0 ACCION DE TUTELA TRANSITORIA PARA RECONOCIMIENTO DE AUMENTO SALARIAL-Procedencia \u00a0 El argumento esgrimido por la empresa para sustentar la discriminaci\u00f3n consist\u00eda en que deber\u00eda esperarse la decisi\u00f3n de la Corte Suprema de Justicia, Sala Laboral, porque se hab\u00eda pedido la nulidad del Laudo Arbitral. Salta a la vista que esta no pod\u00eda ser una justificaci\u00f3n v\u00e1lida. Si el aumento era ...<br \/><div class=\"pt-cv-rmwrap\"><a href=\"https:\/\/www.dmsjuridica.com\/buscador_20179478954\/corteconstitucionalcronologico202454587\/t-742-03\/\" class=\"_self pt-cv-readmore btn btn-success\" target=\"_self\">Ver Sentencia Completa...<\/a><\/div><\/div><\/div><\/div>\n<div class=\"col-md-12 col-sm-12 col-xs-12 pt-cv-content-item pt-cv-1-col\" ><div class='pt-cv-ifield'><a href=\"https:\/\/www.dmsjuridica.com\/buscador_20179478954\/corteconstitucionalcronologico202454587\/t-739-03\/\" class=\"_self pt-cv-href-thumbnail pt-cv-thumb-default\" target=\"_self\" ><\/a>\n<div class=\"pt-cv-taxoterm above_title\"><a href='https:\/\/www.dmsjuridica.com\/buscador_20179478954\/corteconstitucionalcronologico202454587\/category\/buscar-en-toda-la-corte\/2003\/tutelas-2003\/' title='Tutelas 2003' class='pt-cv-tax-tutelas-2003'>Tutelas 2003<\/a><\/div>\n<h4 class=\"pt-cv-title\"><a href=\"https:\/\/www.dmsjuridica.com\/buscador_20179478954\/corteconstitucionalcronologico202454587\/t-739-03\/\" class=\"_self\" target=\"_self\" >T-739-03<\/a><\/h4>\n<div class=\"pt-cv-content\">\u00a0 \u00a0 Sentencia T-739\/03 \u00a0 ACCION DE TUTELA-Hecho superado por entrega de medicamento\/ACCION DE TUTELA TEMERARIA \u00a0 Reiteraci\u00f3n de Jurisprudencia \u00a0 Referencia: expediente T-740874 \u00a0 Acci\u00f3n de tutela instaurada por Marivi Hern\u00e1ndez Vel\u00e1squez contra COOMEVA E.P.S. \u00a0 Magistrado Ponente: \u00a0 Dr. JAIME ARA\u00daJO RENTER\u00cdA \u00a0 Bogot\u00e1, D.C., veintisiete (27 ) de agosto de dos mil tres (2003). \u00a0 La Sala Primera de Revisi\u00f3n de la Corte Constitucional, en ejercicio de sus competencias constitucionales y legales, en particular las contenidas en los art\u00edculos 86 y 241, numeral 9, de la Constituci\u00f3n y el Decreto 2591 de 1991, ha proferido la siguiente ...<br \/><div class=\"pt-cv-rmwrap\"><a href=\"https:\/\/www.dmsjuridica.com\/buscador_20179478954\/corteconstitucionalcronologico202454587\/t-739-03\/\" class=\"_self pt-cv-readmore btn btn-success\" target=\"_self\">Ver Sentencia Completa...<\/a><\/div><\/div><\/div><\/div>\n<div class=\"col-md-12 col-sm-12 col-xs-12 pt-cv-content-item pt-cv-1-col\" ><div class='pt-cv-ifield'><a href=\"https:\/\/www.dmsjuridica.com\/buscador_20179478954\/corteconstitucionalcronologico202454587\/t-738-03\/\" class=\"_self pt-cv-href-thumbnail pt-cv-thumb-default\" target=\"_self\" ><\/a>\n<div class=\"pt-cv-taxoterm above_title\"><a href='https:\/\/www.dmsjuridica.com\/buscador_20179478954\/corteconstitucionalcronologico202454587\/category\/buscar-en-toda-la-corte\/2003\/tutelas-2003\/' title='Tutelas 2003' class='pt-cv-tax-tutelas-2003'>Tutelas 2003<\/a><\/div>\n<h4 class=\"pt-cv-title\"><a href=\"https:\/\/www.dmsjuridica.com\/buscador_20179478954\/corteconstitucionalcronologico202454587\/t-738-03\/\" class=\"_self\" target=\"_self\" >T-738-03<\/a><\/h4>\n<div class=\"pt-cv-content\">\u00a0 \u00a0 Sentencia T-738\/03 \u00a0 DERECHO A LA SALUD DE MENOR DE EDAD-Suministro de medicamento para tratar enfermedad renal por la ARS\/DERECHO A LA SALUD-Medicamento exclu\u00eddo del POS-S \u00a0 Las empresas encargadas del sistema de salud no pueden, sin quebrantar gravemente el ordenamiento positivo, efectuar acto alguno ni incurrir en omisi\u00f3n que pueda comprometer la continuidad del servicio y en consecuencia la eficiencia del mismo. Es obligaci\u00f3n primordial, tanto de las entidades estatales como de los particulares que participen en la prestaci\u00f3n del servicio p\u00fablico de salud, garantizar los principios de la seguridad social establecidos en la Constituci\u00f3n y desarrollados ...<br \/><div class=\"pt-cv-rmwrap\"><a href=\"https:\/\/www.dmsjuridica.com\/buscador_20179478954\/corteconstitucionalcronologico202454587\/t-738-03\/\" class=\"_self pt-cv-readmore btn btn-success\" target=\"_self\">Ver Sentencia Completa...<\/a><\/div><\/div><\/div><\/div>\n<div class=\"col-md-12 col-sm-12 col-xs-12 pt-cv-content-item pt-cv-1-col\" ><div class='pt-cv-ifield'><a href=\"https:\/\/www.dmsjuridica.com\/buscador_20179478954\/corteconstitucionalcronologico202454587\/t-737-03\/\" class=\"_self pt-cv-href-thumbnail pt-cv-thumb-default\" target=\"_self\" ><\/a>\n<div class=\"pt-cv-taxoterm above_title\"><a href='https:\/\/www.dmsjuridica.com\/buscador_20179478954\/corteconstitucionalcronologico202454587\/category\/buscar-en-toda-la-corte\/2003\/tutelas-2003\/' title='Tutelas 2003' class='pt-cv-tax-tutelas-2003'>Tutelas 2003<\/a><\/div>\n<h4 class=\"pt-cv-title\"><a href=\"https:\/\/www.dmsjuridica.com\/buscador_20179478954\/corteconstitucionalcronologico202454587\/t-737-03\/\" class=\"_self\" target=\"_self\" >T-737-03<\/a><\/h4>\n<div class=\"pt-cv-content\">\u00a0 \u00a0 Sentencia T-737\/03 \u00a0 ACCION DE TUTELA-Hecho superado por cirug\u00eda \u00a0 ACCION DE TUTELA-Improcedencia sobre hechos futuros e inciertos \u00a0 MEDIO DE DEFENSA JUDICIAL-Reembolso de dineros por asunci\u00f3n de costos m\u00e9dicos \u00a0 Reiteraci\u00f3n de Jurisprudencia \u00a0 Referencia: expediente T-736037 \u00a0 Acci\u00f3n de tutela instaurada por Mario Fernando Rosero Burbano contra SaludCoop E.P.S. \u00a0 Magistrado Ponente: \u00a0 Dr. JAIME ARA\u00daJO RENTER\u00cdA \u00a0 La Sala Primera de Revisi\u00f3n de la Corte Constitucional, en ejercicio de sus competencias constitucionales y legales, en particular las contenidas en los art\u00edculos 86 y 241, numeral 9, de la Constituci\u00f3n y el Decreto 2591 de 1991, ...<br \/><div class=\"pt-cv-rmwrap\"><a href=\"https:\/\/www.dmsjuridica.com\/buscador_20179478954\/corteconstitucionalcronologico202454587\/t-737-03\/\" class=\"_self pt-cv-readmore btn btn-success\" target=\"_self\">Ver Sentencia Completa...<\/a><\/div><\/div><\/div><\/div>\n<div class=\"col-md-12 col-sm-12 col-xs-12 pt-cv-content-item pt-cv-1-col\" ><div class='pt-cv-ifield'><a href=\"https:\/\/www.dmsjuridica.com\/buscador_20179478954\/corteconstitucionalcronologico202454587\/t-736-03\/\" class=\"_self pt-cv-href-thumbnail pt-cv-thumb-default\" target=\"_self\" ><\/a>\n<div class=\"pt-cv-taxoterm above_title\"><a href='https:\/\/www.dmsjuridica.com\/buscador_20179478954\/corteconstitucionalcronologico202454587\/category\/buscar-en-toda-la-corte\/2003\/tutelas-2003\/' title='Tutelas 2003' class='pt-cv-tax-tutelas-2003'>Tutelas 2003<\/a><\/div>\n<h4 class=\"pt-cv-title\"><a href=\"https:\/\/www.dmsjuridica.com\/buscador_20179478954\/corteconstitucionalcronologico202454587\/t-736-03\/\" class=\"_self\" target=\"_self\" >T-736-03<\/a><\/h4>\n<div class=\"pt-cv-content\">\u00a0 \u00a0 Sentencia T-736\/03 \u00a0 PERENCION DEL PROCESO-Finalidad \u00a0 La perenci\u00f3n busca la materializaci\u00f3n de los principios de celeridad, econom\u00eda, efectividad y eficacia como ordenadores de nuestra legislaci\u00f3n procesal, en virtud de los cuales se debe buscar la agilidad en los procedimientos, evitando la paralizaci\u00f3n de las etapas procesales o de los procesos mismos, por la desidia o inoperancia de quien tiene a su cargo el cumplimiento de una carga procesal. \u00a0 PERENCION DEL PROCESO REIVINDICATORIO-No pod\u00eda decretarse\/VIA DE HECHO POR DECLARATORIA DE PERENCION-Se configur\u00f3 por cuanto no se pod\u00eda decretar\/JUEZ-Debe actuar como director del proceso \u00a0 En conclusi\u00f3n se ...<br \/><div class=\"pt-cv-rmwrap\"><a href=\"https:\/\/www.dmsjuridica.com\/buscador_20179478954\/corteconstitucionalcronologico202454587\/t-736-03\/\" class=\"_self pt-cv-readmore btn btn-success\" target=\"_self\">Ver Sentencia Completa...<\/a><\/div><\/div><\/div><\/div>\n<div class=\"col-md-12 col-sm-12 col-xs-12 pt-cv-content-item pt-cv-1-col\" ><div class='pt-cv-ifield'><a href=\"https:\/\/www.dmsjuridica.com\/buscador_20179478954\/corteconstitucionalcronologico202454587\/t-732-03\/\" class=\"_self pt-cv-href-thumbnail pt-cv-thumb-default\" target=\"_self\" ><\/a>\n<div class=\"pt-cv-taxoterm above_title\"><a href='https:\/\/www.dmsjuridica.com\/buscador_20179478954\/corteconstitucionalcronologico202454587\/category\/buscar-en-toda-la-corte\/2003\/tutelas-2003\/' title='Tutelas 2003' class='pt-cv-tax-tutelas-2003'>Tutelas 2003<\/a><\/div>\n<h4 class=\"pt-cv-title\"><a href=\"https:\/\/www.dmsjuridica.com\/buscador_20179478954\/corteconstitucionalcronologico202454587\/t-732-03\/\" class=\"_self\" target=\"_self\" >T-732-03<\/a><\/h4>\n<div class=\"pt-cv-content\">\u00a0 \u00a0 Sentencia T-732\/03 \u00a0 SUBSIDIO FAMILIAR PARA PERSONAS DE LA TERCERA EDAD-Fundamental \u00a0 Esta Corporaci\u00f3n tambi\u00e9n le ha otorgado fundamentalidad a dicho subsidio, teniendo en cuenta el sujeto afectado con la omisi\u00f3n de pago, ya sea por causas imputables al empleador o la caja de compensaci\u00f3n familiar. As\u00ed, ha precisado que: \u201cel derecho a recibir el subsidio familiar, que ha sido reconocido como una derivaci\u00f3n prestacional del derecho a la seguridad social, puede ser reclamado por v\u00eda de tutela cuando el afectado es un menor de edad, pues la Constituci\u00f3n lo eleva en estos casos a la categor\u00eda de ...<br \/><div class=\"pt-cv-rmwrap\"><a href=\"https:\/\/www.dmsjuridica.com\/buscador_20179478954\/corteconstitucionalcronologico202454587\/t-732-03\/\" class=\"_self pt-cv-readmore btn btn-success\" target=\"_self\">Ver Sentencia Completa...<\/a><\/div><\/div><\/div><\/div>\n<div class=\"col-md-12 col-sm-12 col-xs-12 pt-cv-content-item pt-cv-1-col\" ><div class='pt-cv-ifield'><a href=\"https:\/\/www.dmsjuridica.com\/buscador_20179478954\/corteconstitucionalcronologico202454587\/t-731-03\/\" class=\"_self pt-cv-href-thumbnail pt-cv-thumb-default\" target=\"_self\" ><\/a>\n<div class=\"pt-cv-taxoterm above_title\"><a href='https:\/\/www.dmsjuridica.com\/buscador_20179478954\/corteconstitucionalcronologico202454587\/category\/buscar-en-toda-la-corte\/2003\/tutelas-2003\/' title='Tutelas 2003' class='pt-cv-tax-tutelas-2003'>Tutelas 2003<\/a><\/div>\n<h4 class=\"pt-cv-title\"><a href=\"https:\/\/www.dmsjuridica.com\/buscador_20179478954\/corteconstitucionalcronologico202454587\/t-731-03\/\" class=\"_self\" target=\"_self\" >T-731-03<\/a><\/h4>\n<div class=\"pt-cv-content\">\u00a0 \u00a0 Sentencia T-731\/03 \u00a0 ACCION DE TUTELA-Procedencia excepcional pago de acreencias laborales a empleados de municipio \u00a0 El argumento de la insuficiencia de recursos no puede relevar de responsabilidad al servidor p\u00fablico encargado de cancelar oportunamente las acreencias de los ex-trabajadores, ya que si su funci\u00f3n debe desarrollarse conforme al principio de eficacia y para ello cuenta con los instrumentos de planeaci\u00f3n y presupuesto en el manejo de los recursos p\u00fablicos, no existe justificaci\u00f3n para que esa omisi\u00f3n afecte los derechos fundamentales al m\u00ednimo vital y a la vida en condiciones dignas de quienes prestaron sus servicios a la ...<br \/><div class=\"pt-cv-rmwrap\"><a href=\"https:\/\/www.dmsjuridica.com\/buscador_20179478954\/corteconstitucionalcronologico202454587\/t-731-03\/\" class=\"_self pt-cv-readmore btn btn-success\" target=\"_self\">Ver Sentencia Completa...<\/a><\/div><\/div><\/div><\/div>\n<div class=\"col-md-12 col-sm-12 col-xs-12 pt-cv-content-item pt-cv-1-col\" ><div class='pt-cv-ifield'><a href=\"https:\/\/www.dmsjuridica.com\/buscador_20179478954\/corteconstitucionalcronologico202454587\/t-730-03\/\" class=\"_self pt-cv-href-thumbnail pt-cv-thumb-default\" target=\"_self\" ><\/a>\n<div class=\"pt-cv-taxoterm above_title\"><a href='https:\/\/www.dmsjuridica.com\/buscador_20179478954\/corteconstitucionalcronologico202454587\/category\/buscar-en-toda-la-corte\/2003\/tutelas-2003\/' title='Tutelas 2003' class='pt-cv-tax-tutelas-2003'>Tutelas 2003<\/a><\/div>\n<h4 class=\"pt-cv-title\"><a href=\"https:\/\/www.dmsjuridica.com\/buscador_20179478954\/corteconstitucionalcronologico202454587\/t-730-03\/\" class=\"_self\" target=\"_self\" >T-730-03<\/a><\/h4>\n<div class=\"pt-cv-content\">\u00a0 \u00a0 Sentencia T-730\/03 \u00a0 ACCION DE TUTELA-Inmediatez \u00a0 \u00a0 Referencia: expediente T-728078 \u00a0 Acci\u00f3n de tutela de Alba Nelly Mar\u00edn de Estrada contra la Sala Penal Especial del Tribunal Superior de Bogot\u00e1 \u00a0 Magistrado Ponente: \u00a0 Dr. JAIME C\u00d3RDOBA TRIVI\u00d1O \u00a0 Bogot\u00e1, D.C., veintid\u00f3s (22) de agosto de dos mil tres (2003). \u00a0 La Sala Cuarta de Revisi\u00f3n de la Corte Constitucional, en ejercicio de sus competencias constitucionales y legales, ha proferido la siguiente \u00a0 SENTENCIA \u00a0 dentro del tr\u00e1mite de revisi\u00f3n de la tutela instaurada por Alba Nelly Mar\u00edn de Estrada contra la Sala de Descongesti\u00f3n del Tribunal ...<br \/><div class=\"pt-cv-rmwrap\"><a href=\"https:\/\/www.dmsjuridica.com\/buscador_20179478954\/corteconstitucionalcronologico202454587\/t-730-03\/\" class=\"_self pt-cv-readmore btn btn-success\" target=\"_self\">Ver Sentencia Completa...<\/a><\/div><\/div><\/div><\/div>\n<div class=\"col-md-12 col-sm-12 col-xs-12 pt-cv-content-item pt-cv-1-col\" ><div class='pt-cv-ifield'><a href=\"https:\/\/www.dmsjuridica.com\/buscador_20179478954\/corteconstitucionalcronologico202454587\/t-729-03\/\" class=\"_self pt-cv-href-thumbnail pt-cv-thumb-default\" target=\"_self\" ><\/a>\n<div class=\"pt-cv-taxoterm above_title\"><a href='https:\/\/www.dmsjuridica.com\/buscador_20179478954\/corteconstitucionalcronologico202454587\/category\/buscar-en-toda-la-corte\/2003\/tutelas-2003\/' title='Tutelas 2003' class='pt-cv-tax-tutelas-2003'>Tutelas 2003<\/a><\/div>\n<h4 class=\"pt-cv-title\"><a href=\"https:\/\/www.dmsjuridica.com\/buscador_20179478954\/corteconstitucionalcronologico202454587\/t-729-03\/\" class=\"_self\" target=\"_self\" >T-729-03<\/a><\/h4>\n<div class=\"pt-cv-content\">\u00a0 \u00a0 Sentencia T-729\/03 \u00a0 DERECHO A LA SALUD-Inexistencia de afectaci\u00f3n por cuanto no se han reclamado los medicamentos \u00a0 Respecto a la situaci\u00f3n presentada por la actora, en cuanto a su afirmaci\u00f3n que la entidad demandada est\u00e1 vulnerando sus derechos a la salud y a la vida, la Sala observa que con fundamento en las pruebas anexas al expediente no hay ninguna omisi\u00f3n por parte del ente accionado, sino por el contrario encuentra una conducta negligente de la accionante, al esperar casi 6 meses para interponer esta acci\u00f3n, sin haber antes reclamado al ente accionado los medicamentos formulados y ...<br \/><div class=\"pt-cv-rmwrap\"><a href=\"https:\/\/www.dmsjuridica.com\/buscador_20179478954\/corteconstitucionalcronologico202454587\/t-729-03\/\" class=\"_self pt-cv-readmore btn btn-success\" target=\"_self\">Ver Sentencia Completa...<\/a><\/div><\/div><\/div><\/div>\n<div class=\"col-md-12 col-sm-12 col-xs-12 pt-cv-content-item pt-cv-1-col\" ><div class='pt-cv-ifield'><a href=\"https:\/\/www.dmsjuridica.com\/buscador_20179478954\/corteconstitucionalcronologico202454587\/t-728-03\/\" class=\"_self pt-cv-href-thumbnail pt-cv-thumb-default\" target=\"_self\" ><\/a>\n<div class=\"pt-cv-taxoterm above_title\"><a href='https:\/\/www.dmsjuridica.com\/buscador_20179478954\/corteconstitucionalcronologico202454587\/category\/buscar-en-toda-la-corte\/2003\/tutelas-2003\/' title='Tutelas 2003' class='pt-cv-tax-tutelas-2003'>Tutelas 2003<\/a><\/div>\n<h4 class=\"pt-cv-title\"><a href=\"https:\/\/www.dmsjuridica.com\/buscador_20179478954\/corteconstitucionalcronologico202454587\/t-728-03\/\" class=\"_self\" target=\"_self\" >T-728-03<\/a><\/h4>\n<div class=\"pt-cv-content\">\u00a0 \u00a0 Sentencia T-728\/03 \u00a0 ACCION DE TUTELA-Inmediatez \u00a0 La acci\u00f3n de tutela debe ser interpuesta dentro de un t\u00e9rmino razonable, de suerte que se permita la protecci\u00f3n inmediata de los derechos fundamentales que se consideran vulnerados (art. 86 C.P.). En caso contrario no se cumple con el principio de inmediatez que caracteriza el ejercicio de la acci\u00f3n de tutela, pues en esos eventos se desvirt\u00faa por completo la finalidad que se persigue con dicha acci\u00f3n como mecanismo expedito para la protecci\u00f3n de los derechos fundamentales. \u00a0 SUBSIDIO FAMILIAR-Naturaleza y r\u00e9gimen \u00a0 Referencia: expediente T-734797 \u00a0 Peticionarios: \u00a0Josefina Carrillo Vera, ...<br \/><div class=\"pt-cv-rmwrap\"><a href=\"https:\/\/www.dmsjuridica.com\/buscador_20179478954\/corteconstitucionalcronologico202454587\/t-728-03\/\" class=\"_self pt-cv-readmore btn btn-success\" target=\"_self\">Ver Sentencia Completa...<\/a><\/div><\/div><\/div><\/div>\n<div class=\"col-md-12 col-sm-12 col-xs-12 pt-cv-content-item pt-cv-1-col\" ><div class='pt-cv-ifield'><a href=\"https:\/\/www.dmsjuridica.com\/buscador_20179478954\/corteconstitucionalcronologico202454587\/t-727-03\/\" class=\"_self pt-cv-href-thumbnail pt-cv-thumb-default\" target=\"_self\" ><\/a>\n<div class=\"pt-cv-taxoterm above_title\"><a href='https:\/\/www.dmsjuridica.com\/buscador_20179478954\/corteconstitucionalcronologico202454587\/category\/buscar-en-toda-la-corte\/2003\/tutelas-2003\/' title='Tutelas 2003' class='pt-cv-tax-tutelas-2003'>Tutelas 2003<\/a><\/div>\n<h4 class=\"pt-cv-title\"><a href=\"https:\/\/www.dmsjuridica.com\/buscador_20179478954\/corteconstitucionalcronologico202454587\/t-727-03\/\" class=\"_self\" target=\"_self\" >T-727-03<\/a><\/h4>\n<div class=\"pt-cv-content\">\u00a0 \u00a0 Sentencia T-727\/03 \u00a0 DERECHO A LA VIVIENDA DIGNA-Financiaci\u00f3n de vivienda a largo plazo \u00a0 ACTO PROPIO-Respeto\/ACTO PROPIO-Condiciones para su aplicaci\u00f3n\u00a0 \u00a0 OBLIGACION EXTINTA-Reliquidaci\u00f3n de cr\u00e9dito hipotecario\/OBLIGACION EXTINTA-Cancelaci\u00f3n de gravamen\/OBLIGACION EXTINTA-Expedici\u00f3n de paz y salvo por Granahorrar\u00a0 \u00a0 ENTIDAD BANCARIA-Abuso de posici\u00f3n dominante \u00a0 DEBIDO PROCESO-Vulneraci\u00f3n de Granahorrar por imputaci\u00f3n de una nueva deuda \u00a0 Reiteraci\u00f3n de Jurisprudencia \u00a0 Referencia: expediente T-730061 y T-732087 \u00a0 Acciones de tutela instauradas por Guillermo Quintero G\u00f3mez, Flor \u00c1ngela Herrera Zorilla, Carlos Hern\u00e1ndez y Humberto Gonz\u00e1lez Vargas contra el Banco Granahorrar. \u00a0 Magistrada Ponente: \u00a0 Dra. CLARA IN\u00c9S VARGAS HERN\u00c1NDEZ \u00a0 Bogot\u00e1, D ...<br \/><div class=\"pt-cv-rmwrap\"><a href=\"https:\/\/www.dmsjuridica.com\/buscador_20179478954\/corteconstitucionalcronologico202454587\/t-727-03\/\" class=\"_self pt-cv-readmore btn btn-success\" target=\"_self\">Ver Sentencia Completa...<\/a><\/div><\/div><\/div><\/div>\n<div class=\"col-md-12 col-sm-12 col-xs-12 pt-cv-content-item pt-cv-1-col\" ><div class='pt-cv-ifield'><a href=\"https:\/\/www.dmsjuridica.com\/buscador_20179478954\/corteconstitucionalcronologico202454587\/t-726-03\/\" class=\"_self pt-cv-href-thumbnail pt-cv-thumb-default\" target=\"_self\" ><\/a>\n<div class=\"pt-cv-taxoterm above_title\"><a href='https:\/\/www.dmsjuridica.com\/buscador_20179478954\/corteconstitucionalcronologico202454587\/category\/buscar-en-toda-la-corte\/2003\/tutelas-2003\/' title='Tutelas 2003' class='pt-cv-tax-tutelas-2003'>Tutelas 2003<\/a><\/div>\n<h4 class=\"pt-cv-title\"><a href=\"https:\/\/www.dmsjuridica.com\/buscador_20179478954\/corteconstitucionalcronologico202454587\/t-726-03\/\" class=\"_self\" target=\"_self\" >T-726-03<\/a><\/h4>\n<div class=\"pt-cv-content\">\u00a0 \u00a0 Sentencia T-726\/03 \u00a0 ACCION DE TUTELA TEMERARIA-No se presenta cuando los supuestos de las demandas difieren \u00a0 DERECHO A LA IGUALDAD-Prueba de la violaci\u00f3n\u00a0 \u00a0 Para probar la violaci\u00f3n del derecho fundamental a la igualdad, debe existir una discriminaci\u00f3n entre iguales, frente a situaciones f\u00e1cticas id\u00e9nticas, sin que pueda predicarse su vulneraci\u00f3n, por el s\u00f3lo hecho de querer obtener prerrogativas que le fueron concedidas a sujetos que no se encontraban en las mismas condiciones. \u00a0 OPERACION ADMINISTRATIVA-Ejecuci\u00f3n de resoluci\u00f3n\u00a0 \u00a0 La diligencia de desalojo practicada fue la culminaci\u00f3n del proceso policivo que se adelant\u00f3 en contra de la ...<br \/><div class=\"pt-cv-rmwrap\"><a href=\"https:\/\/www.dmsjuridica.com\/buscador_20179478954\/corteconstitucionalcronologico202454587\/t-726-03\/\" class=\"_self pt-cv-readmore btn btn-success\" target=\"_self\">Ver Sentencia Completa...<\/a><\/div><\/div><\/div><\/div>\n<div class=\"col-md-12 col-sm-12 col-xs-12 pt-cv-content-item pt-cv-1-col\" ><div class='pt-cv-ifield'><a href=\"https:\/\/www.dmsjuridica.com\/buscador_20179478954\/corteconstitucionalcronologico202454587\/t-725-03\/\" class=\"_self pt-cv-href-thumbnail pt-cv-thumb-default\" target=\"_self\" ><\/a>\n<div class=\"pt-cv-taxoterm above_title\"><a href='https:\/\/www.dmsjuridica.com\/buscador_20179478954\/corteconstitucionalcronologico202454587\/category\/buscar-en-toda-la-corte\/2003\/tutelas-2003\/' title='Tutelas 2003' class='pt-cv-tax-tutelas-2003'>Tutelas 2003<\/a><\/div>\n<h4 class=\"pt-cv-title\"><a href=\"https:\/\/www.dmsjuridica.com\/buscador_20179478954\/corteconstitucionalcronologico202454587\/t-725-03\/\" class=\"_self\" target=\"_self\" >T-725-03<\/a><\/h4>\n<div class=\"pt-cv-content\">\u00a0 \u00a0 Sentencia T-725\/03 \u00a0 ACCION DE TUTELA CONTRA ACTOS DE CARACTER GENERAL-Improcedencia\/ACCION DE TUTELA CONTRA ACTO ADMINISTRATIVO-Improcedencia general\/ANIMALES SILVESTRES Y MAMIFEROS MARINOS-Prohibici\u00f3n de presentaci\u00f3n en circos y espect\u00e1culos p\u00fablicos \u00a0 De la simple lectura de las disposiciones del Acuerdo que motivaron la presentaci\u00f3n de la solicitud de tutela, se encuentra que establecen de manera general, es decir que no est\u00e1n dirigidas a persona alguna en particular, la prohibici\u00f3n de presentar en circos o en espect\u00e1culos p\u00fablicos, o simplemente exhibir, animales silvestres en el territorio de Bogot\u00e1, y unas sanciones para quien quiera que infrinja esta prohibici\u00f3n. Es decir que, ...<br \/><div class=\"pt-cv-rmwrap\"><a href=\"https:\/\/www.dmsjuridica.com\/buscador_20179478954\/corteconstitucionalcronologico202454587\/t-725-03\/\" class=\"_self pt-cv-readmore btn btn-success\" target=\"_self\">Ver Sentencia Completa...<\/a><\/div><\/div><\/div><\/div>\n<div class=\"col-md-12 col-sm-12 col-xs-12 pt-cv-content-item pt-cv-1-col\" ><div class='pt-cv-ifield'><a href=\"https:\/\/www.dmsjuridica.com\/buscador_20179478954\/corteconstitucionalcronologico202454587\/t-724-03\/\" class=\"_self pt-cv-href-thumbnail pt-cv-thumb-default\" target=\"_self\" ><\/a>\n<div class=\"pt-cv-taxoterm above_title\"><a href='https:\/\/www.dmsjuridica.com\/buscador_20179478954\/corteconstitucionalcronologico202454587\/category\/buscar-en-toda-la-corte\/2003\/tutelas-2003\/' title='Tutelas 2003' class='pt-cv-tax-tutelas-2003'>Tutelas 2003<\/a><\/div>\n<h4 class=\"pt-cv-title\"><a href=\"https:\/\/www.dmsjuridica.com\/buscador_20179478954\/corteconstitucionalcronologico202454587\/t-724-03\/\" class=\"_self\" target=\"_self\" >T-724-03<\/a><\/h4>\n<div class=\"pt-cv-content\">\u00a0 \u00a0 Sentencia T-724\/03 \u00a0 ACCION DE TUTELA-Hecho superado por adjudicaci\u00f3n de contrato de aseo\/ACCION DE TUTELA-Hecho superado pero debe establecerse si los jueces en las instancias han debido conceder la tutela \u00a0 La Corte en reiterada jurisprudencia ha dicho que la acci\u00f3n de tutela tiene como objetivo la protecci\u00f3n inmediata y actual de los derechos fundamentales, cuando resulten vulnerados o amenazados por la acci\u00f3n u omisi\u00f3n de las autoridades p\u00fablicas, o de los particulares en los casos expresamente se\u00f1alados en el art\u00edculo 86 de la Constituci\u00f3n Pol\u00edtica. Empero, cuando la situaci\u00f3n de hecho que fundamenta la presunta amenaza o ...<br \/><div class=\"pt-cv-rmwrap\"><a href=\"https:\/\/www.dmsjuridica.com\/buscador_20179478954\/corteconstitucionalcronologico202454587\/t-724-03\/\" class=\"_self pt-cv-readmore btn btn-success\" target=\"_self\">Ver Sentencia Completa...<\/a><\/div><\/div><\/div><\/div>\n<div class=\"col-md-12 col-sm-12 col-xs-12 pt-cv-content-item pt-cv-1-col\" ><div class='pt-cv-ifield'><a href=\"https:\/\/www.dmsjuridica.com\/buscador_20179478954\/corteconstitucionalcronologico202454587\/t-723-03\/\" class=\"_self pt-cv-href-thumbnail pt-cv-thumb-default\" target=\"_self\" ><\/a>\n<div class=\"pt-cv-taxoterm above_title\"><a href='https:\/\/www.dmsjuridica.com\/buscador_20179478954\/corteconstitucionalcronologico202454587\/category\/buscar-en-toda-la-corte\/2003\/tutelas-2003\/' title='Tutelas 2003' class='pt-cv-tax-tutelas-2003'>Tutelas 2003<\/a><\/div>\n<h4 class=\"pt-cv-title\"><a href=\"https:\/\/www.dmsjuridica.com\/buscador_20179478954\/corteconstitucionalcronologico202454587\/t-723-03\/\" class=\"_self\" target=\"_self\" >T-723-03<\/a><\/h4>\n<div class=\"pt-cv-content\">\u00a0 \u00a0 Sentencia T-723\/03 \u00a0 ACCION DE TUTELA CONTRA DECRETO MUNICIPAL-Improcedencia\/DEBIDO PROCESO-No vulneraci\u00f3n por traslado de comunidad ind\u00edgena a otra EPS\/PERJUICIO IRREMEDIABLE-Inexistencia por traslado de comunidad ind\u00edgena a otra EPS \u00a0 Si con la expedici\u00f3n de un acto administrativo resultare vulnerado alg\u00fan derecho fundamental, excepcionalmente proceder\u00eda la tutela, mientras la justicia ordinaria profiere fallo definitivo, siempre y cuando se acredite el perjuicio irremediable y se compruebe una v\u00eda de hecho en la actuaci\u00f3n del funcionario p\u00fablico que expidi\u00f3 el acto administrativo acusado. En tal caso, el amparo consistir\u00eda en la inaplicaci\u00f3n del acto a la circunstancia concreta con base en ...<br \/><div class=\"pt-cv-rmwrap\"><a href=\"https:\/\/www.dmsjuridica.com\/buscador_20179478954\/corteconstitucionalcronologico202454587\/t-723-03\/\" class=\"_self pt-cv-readmore btn btn-success\" target=\"_self\">Ver Sentencia Completa...<\/a><\/div><\/div><\/div><\/div>\n<div class=\"col-md-12 col-sm-12 col-xs-12 pt-cv-content-item pt-cv-1-col\" ><div class='pt-cv-ifield'><a href=\"https:\/\/www.dmsjuridica.com\/buscador_20179478954\/corteconstitucionalcronologico202454587\/t-722-03\/\" class=\"_self pt-cv-href-thumbnail pt-cv-thumb-default\" target=\"_self\" ><\/a>\n<div class=\"pt-cv-taxoterm above_title\"><a href='https:\/\/www.dmsjuridica.com\/buscador_20179478954\/corteconstitucionalcronologico202454587\/category\/buscar-en-toda-la-corte\/2003\/tutelas-2003\/' title='Tutelas 2003' class='pt-cv-tax-tutelas-2003'>Tutelas 2003<\/a><\/div>\n<h4 class=\"pt-cv-title\"><a href=\"https:\/\/www.dmsjuridica.com\/buscador_20179478954\/corteconstitucionalcronologico202454587\/t-722-03\/\" class=\"_self\" target=\"_self\" >T-722-03<\/a><\/h4>\n<div class=\"pt-cv-content\">\u00a0 \u00a0 Sentencia T-722\/03 \u00a0 ACCION DE TUTELA-Hecho superado por orden de suspender producci\u00f3n de afiches y almanaques \u00a0 Circunscribiendo el estudio al fundamento f\u00e1ctico definido en los t\u00e9rminos atr\u00e1s expresados, la Sala constata que la conducta que motiv\u00f3 el tr\u00e1mite de la acci\u00f3n de tutela desapareci\u00f3 antes de que aquel se iniciara y, en consecuencia, no tuvo objeto que el juez de tutela se pronunciara, por cuanto cualquiera hubiere sido la decisi\u00f3n que adoptara o la orden que impartiera, el amparo pretendido hab\u00eda perdido eficacia e inmediatez y, por ende, su justificaci\u00f3n constitucional. \u00a0 ACCION DE TUTELA-Hecho superado antes ...<br \/><div class=\"pt-cv-rmwrap\"><a href=\"https:\/\/www.dmsjuridica.com\/buscador_20179478954\/corteconstitucionalcronologico202454587\/t-722-03\/\" class=\"_self pt-cv-readmore btn btn-success\" target=\"_self\">Ver Sentencia Completa...<\/a><\/div><\/div><\/div><\/div>\n<div class=\"col-md-12 col-sm-12 col-xs-12 pt-cv-content-item pt-cv-1-col\" ><div class='pt-cv-ifield'><a href=\"https:\/\/www.dmsjuridica.com\/buscador_20179478954\/corteconstitucionalcronologico202454587\/t-721-03\/\" class=\"_self pt-cv-href-thumbnail pt-cv-thumb-default\" target=\"_self\" ><\/a>\n<div class=\"pt-cv-taxoterm above_title\"><a href='https:\/\/www.dmsjuridica.com\/buscador_20179478954\/corteconstitucionalcronologico202454587\/category\/buscar-en-toda-la-corte\/2003\/tutelas-2003\/' title='Tutelas 2003' class='pt-cv-tax-tutelas-2003'>Tutelas 2003<\/a><\/div>\n<h4 class=\"pt-cv-title\"><a href=\"https:\/\/www.dmsjuridica.com\/buscador_20179478954\/corteconstitucionalcronologico202454587\/t-721-03\/\" class=\"_self\" target=\"_self\" >T-721-03<\/a><\/h4>\n<div class=\"pt-cv-content\">\u00a0 \u00a0 Sentencia T-721\/03 \u00a0 DESPLAZADOS INTERNOS \u00a0 DESPLAZAMIENTO FORZADO-Deberes de la comunidad y del Estado \u00a0 INSCRIPCION EN REGISTRO NACIONAL DE DESPLAZADOS-Trato digno\/INSCRIPCION EN REGISTRO NACIONAL DE DESPLAZADOS Y PRESUNCION DE BUENA FE\/RED DE SOLIDARIDAD SOCIAL Y DESPLAZADOS-Protecci\u00f3n \u00a0 No resulta aceptable que la Red de Solidaridad Social, entidad encargada de coordinar la asistencia a la poblaci\u00f3n desplazada, en el caso cuyo estudio ocupa a la Sala, haya circunscrito su compromiso institucional con la actora y su familia, al registro de \u00e9sta en el Sistema Nacional de Atenci\u00f3n a la Poblaci\u00f3n Desplazada, y que ignore i) que el grupo ...<br \/><div class=\"pt-cv-rmwrap\"><a href=\"https:\/\/www.dmsjuridica.com\/buscador_20179478954\/corteconstitucionalcronologico202454587\/t-721-03\/\" class=\"_self pt-cv-readmore btn btn-success\" target=\"_self\">Ver Sentencia Completa...<\/a><\/div><\/div><\/div><\/div>\n<div class=\"col-md-12 col-sm-12 col-xs-12 pt-cv-content-item pt-cv-1-col\" ><div class='pt-cv-ifield'><a href=\"https:\/\/www.dmsjuridica.com\/buscador_20179478954\/corteconstitucionalcronologico202454587\/t-720-03\/\" class=\"_self pt-cv-href-thumbnail pt-cv-thumb-default\" target=\"_self\" ><\/a>\n<div class=\"pt-cv-taxoterm above_title\"><a href='https:\/\/www.dmsjuridica.com\/buscador_20179478954\/corteconstitucionalcronologico202454587\/category\/buscar-en-toda-la-corte\/2003\/tutelas-2003\/' title='Tutelas 2003' class='pt-cv-tax-tutelas-2003'>Tutelas 2003<\/a><\/div>\n<h4 class=\"pt-cv-title\"><a href=\"https:\/\/www.dmsjuridica.com\/buscador_20179478954\/corteconstitucionalcronologico202454587\/t-720-03\/\" class=\"_self\" target=\"_self\" >T-720-03<\/a><\/h4>\n<div class=\"pt-cv-content\">\u00a0 \u00a0 Sentencia T-720\/03 \u00a0 a) El derecho de petici\u00f3n es fundamental y determinante para la efectividad de los mecanismos de la democracia participativa. Adem\u00e1s, porque mediante \u00e9l se garantizan otros derechos constitucionales, como los derechos a la informaci\u00f3n, a la participaci\u00f3n pol\u00edtica y a la libertad de expresi\u00f3n. b) El n\u00facleo esencial del derecho de petici\u00f3n reside en la resoluci\u00f3n pronta y oportuna de la cuesti\u00f3n, pues de nada servir\u00eda la posibilidad de dirigirse a la autoridad si \u00e9sta no resuelve o se reserva para s\u00ed el sentido de lo decidido. c) La respuesta debe cumplir con estos requisitos: ...<br \/><div class=\"pt-cv-rmwrap\"><a href=\"https:\/\/www.dmsjuridica.com\/buscador_20179478954\/corteconstitucionalcronologico202454587\/t-720-03\/\" class=\"_self pt-cv-readmore btn btn-success\" target=\"_self\">Ver Sentencia Completa...<\/a><\/div><\/div><\/div><\/div>\n<div class=\"col-md-12 col-sm-12 col-xs-12 pt-cv-content-item pt-cv-1-col\" ><div class='pt-cv-ifield'><a href=\"https:\/\/www.dmsjuridica.com\/buscador_20179478954\/corteconstitucionalcronologico202454587\/t-719-03\/\" class=\"_self pt-cv-href-thumbnail pt-cv-thumb-default\" target=\"_self\" ><\/a>\n<div class=\"pt-cv-taxoterm above_title\"><a href='https:\/\/www.dmsjuridica.com\/buscador_20179478954\/corteconstitucionalcronologico202454587\/category\/buscar-en-toda-la-corte\/2003\/tutelas-2003\/' title='Tutelas 2003' class='pt-cv-tax-tutelas-2003'>Tutelas 2003<\/a><\/div>\n<h4 class=\"pt-cv-title\"><a href=\"https:\/\/www.dmsjuridica.com\/buscador_20179478954\/corteconstitucionalcronologico202454587\/t-719-03\/\" class=\"_self\" target=\"_self\" >T-719-03<\/a><\/h4>\n<div class=\"pt-cv-content\">\u00a0 \u00a0 Sentencia T-719\/03 \u00a0 REINSERTADO-Violaci\u00f3n de derechos fundamentales \u00a0 MUJER CABEZA DE FAMILIA COMPA\u00d1ERA DE REINSERTADO-Condiciones de debilidad manifiesta y extrema pobreza trato especial \u00a0 REINSERTADO ASESINADO-Autoridades no cumplieron sus obligaciones constitucionales \u00a0 ACCION DE TUTELA CONTRA DIRECCION GENERAL PARA LA REINSERCION\u00a0 \u00a0 DERECHO A LA SEGURIDAD PERSONAL-Concepto \u00a0 El derecho a la seguridad personal, en ese contexto, es aquel que faculta a las personas para recibir protecci\u00f3n adecuada por parte de las autoridades, cuandoquiera que est\u00e9n expuestas a riesgos excepcionales que no tienen el deber jur\u00eddico de tolerar, por rebasar \u00e9stos los niveles soportables de peligro impl\u00edcitos en ...<br \/><div class=\"pt-cv-rmwrap\"><a href=\"https:\/\/www.dmsjuridica.com\/buscador_20179478954\/corteconstitucionalcronologico202454587\/t-719-03\/\" class=\"_self pt-cv-readmore btn btn-success\" target=\"_self\">Ver Sentencia Completa...<\/a><\/div><\/div><\/div><\/div>\n<div class=\"col-md-12 col-sm-12 col-xs-12 pt-cv-content-item pt-cv-1-col\" ><div class='pt-cv-ifield'><a href=\"https:\/\/www.dmsjuridica.com\/buscador_20179478954\/corteconstitucionalcronologico202454587\/t-718-03\/\" class=\"_self pt-cv-href-thumbnail pt-cv-thumb-default\" target=\"_self\" ><\/a>\n<div class=\"pt-cv-taxoterm above_title\"><a href='https:\/\/www.dmsjuridica.com\/buscador_20179478954\/corteconstitucionalcronologico202454587\/category\/buscar-en-toda-la-corte\/2003\/tutelas-2003\/' title='Tutelas 2003' class='pt-cv-tax-tutelas-2003'>Tutelas 2003<\/a><\/div>\n<h4 class=\"pt-cv-title\"><a href=\"https:\/\/www.dmsjuridica.com\/buscador_20179478954\/corteconstitucionalcronologico202454587\/t-718-03\/\" class=\"_self\" target=\"_self\" >T-718-03<\/a><\/h4>\n<div class=\"pt-cv-content\">\u00a0 \u00a0 Sentencia T-718\/03 \u00a0 VISITA CONYUGAL DEL INTERNO-Omisi\u00f3n en dar cumplimiento a la orden judicial que la autoriz\u00f3\/VISITA CONYUGAL DEL INTERNO-Traslado de interna a la c\u00e1rcel donde se encuentra recluido su compa\u00f1ero permanente\/DERECHO A LA INTIMIDAD DEL INTERNO-Limitaciones \u00a0 En el presente caso relativo al cumplimiento de la autorizaci\u00f3n de la visita conyugal, la Corte se enfrenta a limitaciones del segundo orden, a saber, limitaciones pr\u00e1cticas para la realizaci\u00f3n de un derecho fundamental. Aun cuando el derecho a la intimidad del interno se ve limitado normativamente por la decisi\u00f3n judicial de privaci\u00f3n de la libertad, lo cierto es que ...<br \/><div class=\"pt-cv-rmwrap\"><a href=\"https:\/\/www.dmsjuridica.com\/buscador_20179478954\/corteconstitucionalcronologico202454587\/t-718-03\/\" class=\"_self pt-cv-readmore btn btn-success\" target=\"_self\">Ver Sentencia Completa...<\/a><\/div><\/div><\/div><\/div>\n<div class=\"col-md-12 col-sm-12 col-xs-12 pt-cv-content-item pt-cv-1-col\" ><div class='pt-cv-ifield'><a href=\"https:\/\/www.dmsjuridica.com\/buscador_20179478954\/corteconstitucionalcronologico202454587\/t-713-03\/\" class=\"_self pt-cv-href-thumbnail pt-cv-thumb-default\" target=\"_self\" ><\/a>\n<div class=\"pt-cv-taxoterm above_title\"><a href='https:\/\/www.dmsjuridica.com\/buscador_20179478954\/corteconstitucionalcronologico202454587\/category\/buscar-en-toda-la-corte\/2003\/tutelas-2003\/' title='Tutelas 2003' class='pt-cv-tax-tutelas-2003'>Tutelas 2003<\/a><\/div>\n<h4 class=\"pt-cv-title\"><a href=\"https:\/\/www.dmsjuridica.com\/buscador_20179478954\/corteconstitucionalcronologico202454587\/t-713-03\/\" class=\"_self\" target=\"_self\" >T-713-03<\/a><\/h4>\n<div class=\"pt-cv-content\">\u00a0 \u00a0 Sentencia T-713\/03 \u00a0 CADUCIDAD DEL DATO-L\u00edmite temporal\/ANTECEDENTES DISCIPLINARIOS-Cuando son negativos no pueden afectar indefinidamente a las personas\/DERECHO AL OLVIDO DE LA INFORMACION NEGATIVA \u00a0 Si bien los pronunciamientos de esta corporaci\u00f3n sobre el derecho al olvido de la informaci\u00f3n negativa se han planteado b\u00e1sicamente con respecto a la relaci\u00f3n de las personas con entidades financieras y de cr\u00e9dito, en la sentencia, la Corte estim\u00f3 que, con base en el art\u00edculo 15 constitucional, los criterios que la corporaci\u00f3n ha sentado sobre la caducidad del dato negativo para actividades financieras, son igualmente aplicables a la informaci\u00f3n recogida en bancos de ...<br \/><div class=\"pt-cv-rmwrap\"><a href=\"https:\/\/www.dmsjuridica.com\/buscador_20179478954\/corteconstitucionalcronologico202454587\/t-713-03\/\" class=\"_self pt-cv-readmore btn btn-success\" target=\"_self\">Ver Sentencia Completa...<\/a><\/div><\/div><\/div><\/div>\n<div class=\"col-md-12 col-sm-12 col-xs-12 pt-cv-content-item pt-cv-1-col\" ><div class='pt-cv-ifield'><a href=\"https:\/\/www.dmsjuridica.com\/buscador_20179478954\/corteconstitucionalcronologico202454587\/t-712-03\/\" class=\"_self pt-cv-href-thumbnail pt-cv-thumb-default\" target=\"_self\" ><\/a>\n<div class=\"pt-cv-taxoterm above_title\"><a href='https:\/\/www.dmsjuridica.com\/buscador_20179478954\/corteconstitucionalcronologico202454587\/category\/buscar-en-toda-la-corte\/2003\/tutelas-2003\/' title='Tutelas 2003' class='pt-cv-tax-tutelas-2003'>Tutelas 2003<\/a><\/div>\n<h4 class=\"pt-cv-title\"><a href=\"https:\/\/www.dmsjuridica.com\/buscador_20179478954\/corteconstitucionalcronologico202454587\/t-712-03\/\" class=\"_self\" target=\"_self\" >T-712-03<\/a><\/h4>\n<div class=\"pt-cv-content\">\u00a0 \u00a0 Sentencia T-712\/03 \u00a0 ACCION DE TUTELA-Inmediatez \u00a0 En el expediente no se evidencia una justa causa que explique los motivos por los cuales los peticionarios no instauraron la acci\u00f3n de manera oportuna, dentro de un t\u00e9rmino prudencial y adecuado. Por ello, no pueden ahora acudir a la tutela para iniciar un tr\u00e1mite que debieron surtir en su oportunidad. As\u00ed las cosas, en el presente caso la acci\u00f3n ha sido ejercida incumpliendo el presupuesto constitucional de la inmediatez, dado que no se acudi\u00f3 a ella en un t\u00e9rmino razonable, m\u00e1xime si se considera que dejaron transcurrir dos a\u00f1os para ...<br \/><div class=\"pt-cv-rmwrap\"><a href=\"https:\/\/www.dmsjuridica.com\/buscador_20179478954\/corteconstitucionalcronologico202454587\/t-712-03\/\" class=\"_self pt-cv-readmore btn btn-success\" target=\"_self\">Ver Sentencia Completa...<\/a><\/div><\/div><\/div><\/div>\n<div class=\"col-md-12 col-sm-12 col-xs-12 pt-cv-content-item pt-cv-1-col\" ><div class='pt-cv-ifield'><a href=\"https:\/\/www.dmsjuridica.com\/buscador_20179478954\/corteconstitucionalcronologico202454587\/t-711-03\/\" class=\"_self pt-cv-href-thumbnail pt-cv-thumb-default\" target=\"_self\" ><\/a>\n<div class=\"pt-cv-taxoterm above_title\"><a href='https:\/\/www.dmsjuridica.com\/buscador_20179478954\/corteconstitucionalcronologico202454587\/category\/buscar-en-toda-la-corte\/2003\/tutelas-2003\/' title='Tutelas 2003' class='pt-cv-tax-tutelas-2003'>Tutelas 2003<\/a><\/div>\n<h4 class=\"pt-cv-title\"><a href=\"https:\/\/www.dmsjuridica.com\/buscador_20179478954\/corteconstitucionalcronologico202454587\/t-711-03\/\" class=\"_self\" target=\"_self\" >T-711-03<\/a><\/h4>\n<div class=\"pt-cv-content\">\u00a0 \u00a0 Sentencia T-711\/03 \u00a0 SERVICIO MILITAR OBLIGATORIO-Traslado a un lugar diferente al domicilio \u00a0 FALTA DE LEGITIMACION POR ACTIVA EN TUTELA-Padres en representaci\u00f3n de hijos mayores de edad \u00a0 Reiteraci\u00f3n de Jurisprudencia \u00a0 Referencia: expediente T-731604 \u00a0 Peticionarios: Jairo Mar\u00eda Ariza Gamboa, Vicente Rueda B\u00e1ez, Cayo Sepulveda Santisteban, Hortencia Guevara Ort\u00edz y Luz Stella Silva D\u00edaz. \u00a0 Demandado: Polic\u00eda Nacional - Divisi\u00f3n Santander -. \u00a0 Magistrado Ponente:\u00a0 \u00a0 Dr. RODRIGO ESCOBAR GIL. \u00a0 La Sala Quinta de Revisi\u00f3n de la Corte Constitucional, integrada por los Magistrados Rodrigo Escobar Gil, Marco Gerardo Monroy Cabra y Eduardo Montealegre Lynett, en ejercicio ...<br \/><div class=\"pt-cv-rmwrap\"><a href=\"https:\/\/www.dmsjuridica.com\/buscador_20179478954\/corteconstitucionalcronologico202454587\/t-711-03\/\" class=\"_self pt-cv-readmore btn btn-success\" target=\"_self\">Ver Sentencia Completa...<\/a><\/div><\/div><\/div><\/div>\n<div class=\"col-md-12 col-sm-12 col-xs-12 pt-cv-content-item pt-cv-1-col\" ><div class='pt-cv-ifield'><a href=\"https:\/\/www.dmsjuridica.com\/buscador_20179478954\/corteconstitucionalcronologico202454587\/t-710-03\/\" class=\"_self pt-cv-href-thumbnail pt-cv-thumb-default\" target=\"_self\" ><\/a>\n<div class=\"pt-cv-taxoterm above_title\"><a href='https:\/\/www.dmsjuridica.com\/buscador_20179478954\/corteconstitucionalcronologico202454587\/category\/buscar-en-toda-la-corte\/2003\/tutelas-2003\/' title='Tutelas 2003' class='pt-cv-tax-tutelas-2003'>Tutelas 2003<\/a><\/div>\n<h4 class=\"pt-cv-title\"><a href=\"https:\/\/www.dmsjuridica.com\/buscador_20179478954\/corteconstitucionalcronologico202454587\/t-710-03\/\" class=\"_self\" target=\"_self\" >T-710-03<\/a><\/h4>\n<div class=\"pt-cv-content\">\u00a0 \u00a0 Sentencia T-710\/03 \u00a0 PROCESO DE ALIMENTOS-Dilaci\u00f3n injustificada\/DERECHO DE ACCESO A LA ADMINISTRACION DE JUSTICIA-Efectividad\/MORA JUDICIAL-Dilaci\u00f3n injustificada\/DEBIDO PROCESO-Vulneraci\u00f3n por dilaci\u00f3n injustificada en proceso \u00a0 Para que se constituya una vulneraci\u00f3n al debido proceso el retardo debe provenir de la falta de diligencia debida en la actuaci\u00f3n judicial. Se debe presentar un retardo injustificado. \u00c9ste se presenta cuando la mora se da por falta de diligencia del juez en el cumplimiento de su funci\u00f3n. Si se pretende justificar la mora se debe demostrar que \u00e9sta se dio a pesar del cumplimiento oportuno y cabal de sus funciones. Por \u00faltimo, se ...<br \/><div class=\"pt-cv-rmwrap\"><a href=\"https:\/\/www.dmsjuridica.com\/buscador_20179478954\/corteconstitucionalcronologico202454587\/t-710-03\/\" class=\"_self pt-cv-readmore btn btn-success\" target=\"_self\">Ver Sentencia Completa...<\/a><\/div><\/div><\/div><\/div>\n<div class=\"col-md-12 col-sm-12 col-xs-12 pt-cv-content-item pt-cv-1-col\" ><div class='pt-cv-ifield'><a href=\"https:\/\/www.dmsjuridica.com\/buscador_20179478954\/corteconstitucionalcronologico202454587\/t-709-03\/\" class=\"_self pt-cv-href-thumbnail pt-cv-thumb-default\" target=\"_self\" ><\/a>\n<div class=\"pt-cv-taxoterm above_title\"><a href='https:\/\/www.dmsjuridica.com\/buscador_20179478954\/corteconstitucionalcronologico202454587\/category\/buscar-en-toda-la-corte\/2003\/tutelas-2003\/' title='Tutelas 2003' class='pt-cv-tax-tutelas-2003'>Tutelas 2003<\/a><\/div>\n<h4 class=\"pt-cv-title\"><a href=\"https:\/\/www.dmsjuridica.com\/buscador_20179478954\/corteconstitucionalcronologico202454587\/t-709-03\/\" class=\"_self\" target=\"_self\" >T-709-03<\/a><\/h4>\n<div class=\"pt-cv-content\">\u00a0 \u00a0 Sentencia T-709\/03 \u00a0 LICENCIA DE PATERNIDAD-El incumplimiento de la obligaci\u00f3n de estar afiliados a la misma EPS no puede ser argumento para negar reconocimiento\u00a0 \u00a0 La obligaci\u00f3n de que ambos c\u00f3nyuges o compa\u00f1eros permanentes se encuentren afiliados a la misma Entidad Promotora de Salud, se encuentra contemplada en varios decretos que reglamentan el sistema o que regulan la organizaci\u00f3n y funcionamiento de esas entidades. Sin embargo, el incumplimiento de dicha obligaci\u00f3n, no puede, como se se\u00f1al\u00f3, ser argumento constitucionalmente aceptado para negar el reconocimiento de la licencia de paternidad, pues la filosof\u00eda que orienta esa licencia no es ...<br \/><div class=\"pt-cv-rmwrap\"><a href=\"https:\/\/www.dmsjuridica.com\/buscador_20179478954\/corteconstitucionalcronologico202454587\/t-709-03\/\" class=\"_self pt-cv-readmore btn btn-success\" target=\"_self\">Ver Sentencia Completa...<\/a><\/div><\/div><\/div><\/div>\n<div class=\"col-md-12 col-sm-12 col-xs-12 pt-cv-content-item pt-cv-1-col\" ><div class='pt-cv-ifield'><a href=\"https:\/\/www.dmsjuridica.com\/buscador_20179478954\/corteconstitucionalcronologico202454587\/t-708-03\/\" class=\"_self pt-cv-href-thumbnail pt-cv-thumb-default\" target=\"_self\" ><\/a>\n<div class=\"pt-cv-taxoterm above_title\"><a href='https:\/\/www.dmsjuridica.com\/buscador_20179478954\/corteconstitucionalcronologico202454587\/category\/buscar-en-toda-la-corte\/2003\/tutelas-2003\/' title='Tutelas 2003' class='pt-cv-tax-tutelas-2003'>Tutelas 2003<\/a><\/div>\n<h4 class=\"pt-cv-title\"><a href=\"https:\/\/www.dmsjuridica.com\/buscador_20179478954\/corteconstitucionalcronologico202454587\/t-708-03\/\" class=\"_self\" target=\"_self\" >T-708-03<\/a><\/h4>\n<div class=\"pt-cv-content\">\u00a0 \u00a0 Sentencia T-708\/03 \u00a0 DERECHO A LA SALUD DEL MENOR-Tratamiento de ortodoncia \u00a0 Si bien \u00e9ste tratamiento se encuentra excluido de la cobertura del P.O.S. y en principio deber\u00eda ser asumido por el actor como afiliado al r\u00e9gimen contributivo, en el caso sub examine, se tiene que se trata de un tratamiento m\u00e9dico requerido por el menor a fin de evitar un deterioro progresivo en su salud, el cual ha sido generado por la enfermedad cong\u00e9nita que padece, por lo que no se trata como lo se\u00f1alara la entidad demandada de un simple caso de fen\u00f3meno de dientes montados, ...<br \/><div class=\"pt-cv-rmwrap\"><a href=\"https:\/\/www.dmsjuridica.com\/buscador_20179478954\/corteconstitucionalcronologico202454587\/t-708-03\/\" class=\"_self pt-cv-readmore btn btn-success\" target=\"_self\">Ver Sentencia Completa...<\/a><\/div><\/div><\/div><\/div>\n<div class=\"col-md-12 col-sm-12 col-xs-12 pt-cv-content-item pt-cv-1-col\" ><div class='pt-cv-ifield'><a href=\"https:\/\/www.dmsjuridica.com\/buscador_20179478954\/corteconstitucionalcronologico202454587\/t-707-03\/\" class=\"_self pt-cv-href-thumbnail pt-cv-thumb-default\" target=\"_self\" ><\/a>\n<div class=\"pt-cv-taxoterm above_title\"><a href='https:\/\/www.dmsjuridica.com\/buscador_20179478954\/corteconstitucionalcronologico202454587\/category\/buscar-en-toda-la-corte\/2003\/tutelas-2003\/' title='Tutelas 2003' class='pt-cv-tax-tutelas-2003'>Tutelas 2003<\/a><\/div>\n<h4 class=\"pt-cv-title\"><a href=\"https:\/\/www.dmsjuridica.com\/buscador_20179478954\/corteconstitucionalcronologico202454587\/t-707-03\/\" class=\"_self\" target=\"_self\" >T-707-03<\/a><\/h4>\n<div class=\"pt-cv-content\">\u00a0 \u00a0 Sentencia T-707\/03 \u00a0 ACCION DE TUTELA TEMERARIA-Elementos que deben concurrir para que se configure \u00a0 ACCION DE TUTELA TEMERARIA-Inexistencia por cuanto circunstancias son diferentes por existir nuevos hechos \u00a0 Las circunstancias que rodean el presente caso son realmente diferentes, pues a partir de los nuevos hechos expuestos en el expediente, queda demostrado que en esta oportunidad, existe un inminente perjuicio que atenta directamente contra el derecho a la vida del actor, entendido \u00e9ste desde el punto de vista biol\u00f3gico, y no s\u00f3lo desde la perspectiva de las condiciones que se requieren para llevar una vida ajustada a las ...<br \/><div class=\"pt-cv-rmwrap\"><a href=\"https:\/\/www.dmsjuridica.com\/buscador_20179478954\/corteconstitucionalcronologico202454587\/t-707-03\/\" class=\"_self pt-cv-readmore btn btn-success\" target=\"_self\">Ver Sentencia Completa...<\/a><\/div><\/div><\/div><\/div>\n<div class=\"col-md-12 col-sm-12 col-xs-12 pt-cv-content-item pt-cv-1-col\" ><div class='pt-cv-ifield'><a href=\"https:\/\/www.dmsjuridica.com\/buscador_20179478954\/corteconstitucionalcronologico202454587\/t-706-03\/\" class=\"_self pt-cv-href-thumbnail pt-cv-thumb-default\" target=\"_self\" ><\/a>\n<div class=\"pt-cv-taxoterm above_title\"><a href='https:\/\/www.dmsjuridica.com\/buscador_20179478954\/corteconstitucionalcronologico202454587\/category\/buscar-en-toda-la-corte\/2003\/tutelas-2003\/' title='Tutelas 2003' class='pt-cv-tax-tutelas-2003'>Tutelas 2003<\/a><\/div>\n<h4 class=\"pt-cv-title\"><a href=\"https:\/\/www.dmsjuridica.com\/buscador_20179478954\/corteconstitucionalcronologico202454587\/t-706-03\/\" class=\"_self\" target=\"_self\" >T-706-03<\/a><\/h4>\n<div class=\"pt-cv-content\">\u00a0 \u00a0 Sentencia T-706\/03 \u00a0 DERECHO A LA SALUD DEL NI\u00d1O-Atenci\u00f3n domiciliaria\/DERECHO A LA SALUD DEL NI\u00d1O-Suministro de silla anat\u00f3mica \u00a0 La atenci\u00f3n domiciliaria y el asiento que requiere el menor le fueron recomendados por los propios m\u00e9dicos de la entidad accionada, pero la entidad accionada se niega a suministr\u00e1rselos por no estar incluidos dentro del POS; dados los recursos econ\u00f3micos tan limitados de sus padres, \u00e9stos tampoco pueden proporcionarlos. -Ante tales circunstancias, resulta claro para la Sala, que con la negativa de la entidad demandada de no prestarle al menor la atenci\u00f3n m\u00e9dica continua, completa y oportuna que requiere ...<br \/><div class=\"pt-cv-rmwrap\"><a href=\"https:\/\/www.dmsjuridica.com\/buscador_20179478954\/corteconstitucionalcronologico202454587\/t-706-03\/\" class=\"_self pt-cv-readmore btn btn-success\" target=\"_self\">Ver Sentencia Completa...<\/a><\/div><\/div><\/div><\/div>\n<div class=\"col-md-12 col-sm-12 col-xs-12 pt-cv-content-item pt-cv-1-col\" ><div class='pt-cv-ifield'><a href=\"https:\/\/www.dmsjuridica.com\/buscador_20179478954\/corteconstitucionalcronologico202454587\/t-705-03\/\" class=\"_self pt-cv-href-thumbnail pt-cv-thumb-default\" target=\"_self\" ><\/a>\n<div class=\"pt-cv-taxoterm above_title\"><a href='https:\/\/www.dmsjuridica.com\/buscador_20179478954\/corteconstitucionalcronologico202454587\/category\/buscar-en-toda-la-corte\/2003\/tutelas-2003\/' title='Tutelas 2003' class='pt-cv-tax-tutelas-2003'>Tutelas 2003<\/a><\/div>\n<h4 class=\"pt-cv-title\"><a href=\"https:\/\/www.dmsjuridica.com\/buscador_20179478954\/corteconstitucionalcronologico202454587\/t-705-03\/\" class=\"_self\" target=\"_self\" >T-705-03<\/a><\/h4>\n<div class=\"pt-cv-content\">\u00a0 \u00a0 Sentencia T-705\/03 \u00a0 DERECHO A LA VIVIENDA DIGNA-Financiaci\u00f3n de vivienda a largo plazo \u00a0 ACTO PROPIO-Respeto\/ACTO PROPIO-Condiciones para su aplicaci\u00f3n \u00a0 OBLIGACION EXTINTA-Reliquidaci\u00f3n de cr\u00e9dito hipotecario\/OBLIGACION EXTINTA-Cancelaci\u00f3n de gravamen\/OBLIGACION EXTINTA-Expedici\u00f3n de paz y salvo por Granahorrar \u00a0 ENTIDAD BANCARIA-Abuso de posici\u00f3n dominante \u00a0 DEBIDO PROCESO-Vulneraci\u00f3n de Granahorrar por imputaci\u00f3n de una nueva deuda \u00a0 Referencia: expediente T-722679 \u00a0 Acciones de tutela instaurada por Manuel Antonio Moreno Parra contra el Banco Granahorrar \u00a0 Magistrado Ponente: \u00a0 Dr. ALVARO TAFUR GALVIS \u00a0 Bogot\u00e1, D. C., catorce (14) de agosto de dos mil tres (2003). \u00a0 La Sala Octava de Revisi\u00f3n ...<br \/><div class=\"pt-cv-rmwrap\"><a href=\"https:\/\/www.dmsjuridica.com\/buscador_20179478954\/corteconstitucionalcronologico202454587\/t-705-03\/\" class=\"_self pt-cv-readmore btn btn-success\" target=\"_self\">Ver Sentencia Completa...<\/a><\/div><\/div><\/div><\/div>\n<div class=\"col-md-12 col-sm-12 col-xs-12 pt-cv-content-item pt-cv-1-col\" ><div class='pt-cv-ifield'><a href=\"https:\/\/www.dmsjuridica.com\/buscador_20179478954\/corteconstitucionalcronologico202454587\/t-704-03\/\" class=\"_self pt-cv-href-thumbnail pt-cv-thumb-default\" target=\"_self\" ><\/a>\n<div class=\"pt-cv-taxoterm above_title\"><a href='https:\/\/www.dmsjuridica.com\/buscador_20179478954\/corteconstitucionalcronologico202454587\/category\/buscar-en-toda-la-corte\/2003\/tutelas-2003\/' title='Tutelas 2003' class='pt-cv-tax-tutelas-2003'>Tutelas 2003<\/a><\/div>\n<h4 class=\"pt-cv-title\"><a href=\"https:\/\/www.dmsjuridica.com\/buscador_20179478954\/corteconstitucionalcronologico202454587\/t-704-03\/\" class=\"_self\" target=\"_self\" >T-704-03<\/a><\/h4>\n<div class=\"pt-cv-content\">\u00a0 \u00a0 Sentencia T-704\/03 \u00a0 ACCION DE TUTELA CONTRA ACTO ADMINISTRATIVO QUE NIEGA CONDICION DE REFUGIADO-Procedencia \u00a0 En el caso concreto de la negativa a otorgar la condici\u00f3n de refugiado, considera la Sala de Revisi\u00f3n que la acci\u00f3n de nulidad y restablecimiento no constituye una v\u00eda judicial id\u00f3nea para garantizar que la persona a quien se le ha negado tal condici\u00f3n, en violaci\u00f3n de sus derechos fundamentales, no sea obligada a abandonar el territorio nacional, y m\u00e1s a\u00fan cuando en el pa\u00eds de destino su vida e integridad personal corran peligro, caso en el cual la acci\u00f3n de tutela ser\u00e1 ...<br \/><div class=\"pt-cv-rmwrap\"><a href=\"https:\/\/www.dmsjuridica.com\/buscador_20179478954\/corteconstitucionalcronologico202454587\/t-704-03\/\" class=\"_self pt-cv-readmore btn btn-success\" target=\"_self\">Ver Sentencia Completa...<\/a><\/div><\/div><\/div><\/div>\n<div class=\"col-md-12 col-sm-12 col-xs-12 pt-cv-content-item pt-cv-1-col\" ><div class='pt-cv-ifield'><a href=\"https:\/\/www.dmsjuridica.com\/buscador_20179478954\/corteconstitucionalcronologico202454587\/t-703-03\/\" class=\"_self pt-cv-href-thumbnail pt-cv-thumb-default\" target=\"_self\" ><\/a>\n<div class=\"pt-cv-taxoterm above_title\"><a href='https:\/\/www.dmsjuridica.com\/buscador_20179478954\/corteconstitucionalcronologico202454587\/category\/buscar-en-toda-la-corte\/2003\/tutelas-2003\/' title='Tutelas 2003' class='pt-cv-tax-tutelas-2003'>Tutelas 2003<\/a><\/div>\n<h4 class=\"pt-cv-title\"><a href=\"https:\/\/www.dmsjuridica.com\/buscador_20179478954\/corteconstitucionalcronologico202454587\/t-703-03\/\" class=\"_self\" target=\"_self\" >T-703-03<\/a><\/h4>\n<div class=\"pt-cv-content\">\u00a0 \u00a0 Sentencia T-703\/03 \u00a0 DERECHO A LA SALUD DEL INTERNO-Pr\u00e1ctica de cirug\u00eda \u00a0 Reiteraci\u00f3n de jurisprudencia \u00a0 Referencia: expediente T-729583 \u00a0 Acci\u00f3n de tutela instaurada por Manuel Fernando Mendivelso Alape contra el la Direcci\u00f3n de C\u00e1rceles del Circuito de Sogamoso. \u00a0 Magistrada Ponente: \u00a0 Dra. CLARA IN\u00c9S VARGAS HERN\u00c1NDEZ \u00a0 Bogot\u00e1, D. C., catorce (14) de agosto dos mil tres (2003). \u00a0 La Sala Novena de Revisi\u00f3n de Tutelas de la Corte Constitucional, conformada por los Magistrados CLARA IN\u00c9S VARGAS HERN\u00c1NDEZ, JAIME ARA\u00daJO RENTER\u00cdA y ALFREDO BELTR\u00c1N SIERRA, en ejercicio de su competencias constitucionales y legales, espec\u00edficamente las previstas ...<br \/><div class=\"pt-cv-rmwrap\"><a href=\"https:\/\/www.dmsjuridica.com\/buscador_20179478954\/corteconstitucionalcronologico202454587\/t-703-03\/\" class=\"_self pt-cv-readmore btn btn-success\" target=\"_self\">Ver Sentencia Completa...<\/a><\/div><\/div><\/div><\/div>\n<div class=\"col-md-12 col-sm-12 col-xs-12 pt-cv-content-item pt-cv-1-col\" ><div class='pt-cv-ifield'><a href=\"https:\/\/www.dmsjuridica.com\/buscador_20179478954\/corteconstitucionalcronologico202454587\/t-702-03\/\" class=\"_self pt-cv-href-thumbnail pt-cv-thumb-default\" target=\"_self\" ><\/a>\n<div class=\"pt-cv-taxoterm above_title\"><a href='https:\/\/www.dmsjuridica.com\/buscador_20179478954\/corteconstitucionalcronologico202454587\/category\/buscar-en-toda-la-corte\/2003\/tutelas-2003\/' title='Tutelas 2003' class='pt-cv-tax-tutelas-2003'>Tutelas 2003<\/a><\/div>\n<h4 class=\"pt-cv-title\"><a href=\"https:\/\/www.dmsjuridica.com\/buscador_20179478954\/corteconstitucionalcronologico202454587\/t-702-03\/\" class=\"_self\" target=\"_self\" >T-702-03<\/a><\/h4>\n<div class=\"pt-cv-content\">\u00a0 \u00a0 Sentencia T-702\/03 \u00a0 ACCION DE TUTELA CONTRA PROVIDENCIAS JUDICIALES POR INTERPRETACI\u00d3N JUDICIAL-Procedencia excepcional \u00a0 La acci\u00f3n de tutela no puede convertirse en una instancia adicional para impugnar las decisiones judiciales cuando no se compartan los criterios acogidos por el fallador, porque para tal fin es necesario que se trate de una interpretaci\u00f3n irrazonable o al menos incompatible con la Constituci\u00f3n. Pero existiendo un abanico de posibilidades, el operador jur\u00eddico, como expresi\u00f3n de su autonom\u00eda e independencia, est\u00e1 autorizado para acoger la que estime pertinente. \u00a0 INCIDENTE DE DESEMBARGO-Negativa del Juzgado para tramitarlo\/PROCESO EJECUTIVO-T\u00e9rmino para promover el incidente de ...<br \/><div class=\"pt-cv-rmwrap\"><a href=\"https:\/\/www.dmsjuridica.com\/buscador_20179478954\/corteconstitucionalcronologico202454587\/t-702-03\/\" class=\"_self pt-cv-readmore btn btn-success\" target=\"_self\">Ver Sentencia Completa...<\/a><\/div><\/div><\/div><\/div>\n<div class=\"col-md-12 col-sm-12 col-xs-12 pt-cv-content-item pt-cv-1-col\" ><div class='pt-cv-ifield'><a href=\"https:\/\/www.dmsjuridica.com\/buscador_20179478954\/corteconstitucionalcronologico202454587\/t-701-03\/\" class=\"_self pt-cv-href-thumbnail pt-cv-thumb-default\" target=\"_self\" ><\/a>\n<div class=\"pt-cv-taxoterm above_title\"><a href='https:\/\/www.dmsjuridica.com\/buscador_20179478954\/corteconstitucionalcronologico202454587\/category\/buscar-en-toda-la-corte\/2003\/tutelas-2003\/' title='Tutelas 2003' class='pt-cv-tax-tutelas-2003'>Tutelas 2003<\/a><\/div>\n<h4 class=\"pt-cv-title\"><a href=\"https:\/\/www.dmsjuridica.com\/buscador_20179478954\/corteconstitucionalcronologico202454587\/t-701-03\/\" class=\"_self\" target=\"_self\" >T-701-03<\/a><\/h4>\n<div class=\"pt-cv-content\">\u00a0 \u00a0 Sentencia T-701\/03 \u00a0 LEGITIMACION POR ACTIVA DEL SINDICATO-Presentaci\u00f3n de tutela\u00a0 \u00a0 Las directivas de un sindicato tienen legitimaci\u00f3n activa para instaurar una acci\u00f3n de tutela en defensa de sus derechos fundamentales, cuyo ejercicio se encamina a garantizar la existencia y normal funcionamiento de la organizaci\u00f3n sindical como tal. Estos derechos fundamentales, de los cuales es titular la persona jur\u00eddica, tambi\u00e9n pueden llegar a verse vulnerados por determinados comportamientos individuales que despliegue el empleador frente a los integrantes del sindicato, debido a que por su gravedad trascienden la esfera de las meras relaciones laborales individuales. En estos casos, en ...<br \/><div class=\"pt-cv-rmwrap\"><a href=\"https:\/\/www.dmsjuridica.com\/buscador_20179478954\/corteconstitucionalcronologico202454587\/t-701-03\/\" class=\"_self pt-cv-readmore btn btn-success\" target=\"_self\">Ver Sentencia Completa...<\/a><\/div><\/div><\/div><\/div>\n<div class=\"col-md-12 col-sm-12 col-xs-12 pt-cv-content-item pt-cv-1-col\" ><div class='pt-cv-ifield'><a href=\"https:\/\/www.dmsjuridica.com\/buscador_20179478954\/corteconstitucionalcronologico202454587\/t-700-03\/\" class=\"_self pt-cv-href-thumbnail pt-cv-thumb-default\" target=\"_self\" ><\/a>\n<div class=\"pt-cv-taxoterm above_title\"><a href='https:\/\/www.dmsjuridica.com\/buscador_20179478954\/corteconstitucionalcronologico202454587\/category\/buscar-en-toda-la-corte\/2003\/tutelas-2003\/' title='Tutelas 2003' class='pt-cv-tax-tutelas-2003'>Tutelas 2003<\/a><\/div>\n<h4 class=\"pt-cv-title\"><a href=\"https:\/\/www.dmsjuridica.com\/buscador_20179478954\/corteconstitucionalcronologico202454587\/t-700-03\/\" class=\"_self\" target=\"_self\" >T-700-03<\/a><\/h4>\n<div class=\"pt-cv-content\">\u00a0 \u00a0 Sentencia T-700\/03 \u00a0 IGLESIA PENTECOSTAL-Exenci\u00f3n tributaria \u00a0 IGLESIA PENTECOSTAL E IMPUESTO PREDIAL-Procedencia de la tutela para exenci\u00f3n por inexistencia de otros medios de defensa judicial \u00a0 LEGITIMACION POR ACTIVA EN TUTELA-Ministro de iglesia cristiana pentecostal puede ser en el orden territorial o municipal\/DERECHO A LA IGUALDAD DE CONFESIONES RELIGIOSAS E IGLESIAS \u00a0 En la medida en que la libertad religiosa comprende tambi\u00e9n la protecci\u00f3n de las colectividades e instituciones mediante las cuales se ejerce dicha libertad, estas instituciones tambi\u00e9n deben gozar de iguales derechos. S\u00f3lo as\u00ed puede garantizarse que el Estado mantenga su car\u00e1cter laico, pues si se ...<br \/><div class=\"pt-cv-rmwrap\"><a href=\"https:\/\/www.dmsjuridica.com\/buscador_20179478954\/corteconstitucionalcronologico202454587\/t-700-03\/\" class=\"_self pt-cv-readmore btn btn-success\" target=\"_self\">Ver Sentencia Completa...<\/a><\/div><\/div><\/div><\/div>\n<div class=\"col-md-12 col-sm-12 col-xs-12 pt-cv-content-item pt-cv-1-col\" ><div class='pt-cv-ifield'><a href=\"https:\/\/www.dmsjuridica.com\/buscador_20179478954\/corteconstitucionalcronologico202454587\/t-699-03\/\" class=\"_self pt-cv-href-thumbnail pt-cv-thumb-default\" target=\"_self\" ><\/a>\n<div class=\"pt-cv-taxoterm above_title\"><a href='https:\/\/www.dmsjuridica.com\/buscador_20179478954\/corteconstitucionalcronologico202454587\/category\/buscar-en-toda-la-corte\/2003\/tutelas-2003\/' title='Tutelas 2003' class='pt-cv-tax-tutelas-2003'>Tutelas 2003<\/a><\/div>\n<h4 class=\"pt-cv-title\"><a href=\"https:\/\/www.dmsjuridica.com\/buscador_20179478954\/corteconstitucionalcronologico202454587\/t-699-03\/\" class=\"_self\" target=\"_self\" >T-699-03<\/a><\/h4>\n<div class=\"pt-cv-content\">\u00a0 \u00a0 Sentencia T-699\/03 \u00a0 ACCION DE TUTELA-Inmediatez \u00a0 PROCESO POLICIVO-Posesi\u00f3n sobre predio objeto de actos perturbadores \u00a0 Referencia: expediente T-728619 \u00a0 \u00a0 \u00a0 Acci\u00f3n de tutela instaurada por Jos\u00e9 Omar Osorio contra la Alcald\u00eda y la Secretar\u00eda de Paz y Convivencia Ciudadana del municipio de Yumbo \u2013Valle del Cauca\u00a0 \u00a0 Magistrado Ponente: \u00a0 Dr. JAIME C\u00d3RDOBA TRIVI\u00d1O \u00a0 Bogot\u00e1, D.C., trece (13) de agosto de dos mil tres (2003).\u00a0 \u00a0 La Sala Cuarta de Revisi\u00f3n de la Corte Constitucional, en ejercicio de sus competencias constitucionales y legales, profiere la siguiente \u00a0 SENTENCIA \u00a0 en el proceso de revisi\u00f3n de ...<br \/><div class=\"pt-cv-rmwrap\"><a href=\"https:\/\/www.dmsjuridica.com\/buscador_20179478954\/corteconstitucionalcronologico202454587\/t-699-03\/\" class=\"_self pt-cv-readmore btn btn-success\" target=\"_self\">Ver Sentencia Completa...<\/a><\/div><\/div><\/div><\/div>\n<div class=\"col-md-12 col-sm-12 col-xs-12 pt-cv-content-item pt-cv-1-col\" ><div class='pt-cv-ifield'><a href=\"https:\/\/www.dmsjuridica.com\/buscador_20179478954\/corteconstitucionalcronologico202454587\/t-698-03\/\" class=\"_self pt-cv-href-thumbnail pt-cv-thumb-default\" target=\"_self\" ><\/a>\n<div class=\"pt-cv-taxoterm above_title\"><a href='https:\/\/www.dmsjuridica.com\/buscador_20179478954\/corteconstitucionalcronologico202454587\/category\/buscar-en-toda-la-corte\/2003\/tutelas-2003\/' title='Tutelas 2003' class='pt-cv-tax-tutelas-2003'>Tutelas 2003<\/a><\/div>\n<h4 class=\"pt-cv-title\"><a href=\"https:\/\/www.dmsjuridica.com\/buscador_20179478954\/corteconstitucionalcronologico202454587\/t-698-03\/\" class=\"_self\" target=\"_self\" >T-698-03<\/a><\/h4>\n<div class=\"pt-cv-content\">\u00a0 \u00a0 Sentencia T-698\/03 \u00a0 Nota de Relator\u00eda: Esta sentencia fue declarada nula mediante Auto No. 166 de 18 de Septiembre de 2003 \u00a0 Referencia: expediente T-730794 \u00a0 Acci\u00f3n de tutela instaurada por la Sociedad Comercializadora e Importadora Autocheco Ltda contra la Administraci\u00f3n Especial de Aduanas de Bogot\u00e1 \u2013 Divisiones de Fiscalizaci\u00f3n, Liquidaci\u00f3n y Jur\u00eddica. \u00a0 Magistrado Ponente: \u00a0 Dr. JAIME ARAUJO RENTERIA \u00a0 Bogot\u00e1, D. C., trece (13) de agosto de dos mil tres (2003). \u00a0 La Sala Primera de Revisi\u00f3n de la Corte Constitucional, integrada por los Magistrados ALFREDO BELTRAN SIERRA, MANUEL JOSE CEPEDA ESPINOSA y JAIME ARAUJO ...<br \/><div class=\"pt-cv-rmwrap\"><a href=\"https:\/\/www.dmsjuridica.com\/buscador_20179478954\/corteconstitucionalcronologico202454587\/t-698-03\/\" class=\"_self pt-cv-readmore btn btn-success\" target=\"_self\">Ver Sentencia Completa...<\/a><\/div><\/div><\/div><\/div>\n<div class=\"col-md-12 col-sm-12 col-xs-12 pt-cv-content-item pt-cv-1-col\" ><div class='pt-cv-ifield'><a href=\"https:\/\/www.dmsjuridica.com\/buscador_20179478954\/corteconstitucionalcronologico202454587\/t-697-03\/\" class=\"_self pt-cv-href-thumbnail pt-cv-thumb-default\" target=\"_self\" ><\/a>\n<div class=\"pt-cv-taxoterm above_title\"><a href='https:\/\/www.dmsjuridica.com\/buscador_20179478954\/corteconstitucionalcronologico202454587\/category\/buscar-en-toda-la-corte\/2003\/tutelas-2003\/' title='Tutelas 2003' class='pt-cv-tax-tutelas-2003'>Tutelas 2003<\/a><\/div>\n<h4 class=\"pt-cv-title\"><a href=\"https:\/\/www.dmsjuridica.com\/buscador_20179478954\/corteconstitucionalcronologico202454587\/t-697-03\/\" class=\"_self\" target=\"_self\" >T-697-03<\/a><\/h4>\n<div class=\"pt-cv-content\">ACCION DE TUTELA CONTRA PROVIDENCIAS JUDICIALES-Procedencia excepcional \u00a0 MANDAMIENTO DE PAGO EN CASO DE SUSTITUCION PATRONAL-Prueba requerida\/ACTA DE CONCILIACION-No puede d\u00e1rsele valor de plena prueba sin cumplir con requisitos del art\u00edculo 115 del C de PC \u00a0 El Tribunal demandado invoc\u00f3 el art\u00edculo 488 C.P.C. Este art\u00edculo establece que \u201c[p]ueden demandarse ejecutivamente las obligaciones expresas, claras y exigibles que consten en documentos que provengan del deudor o de su causante y constituyan plena prueba contra \u00e9l\u2026 o las que emanen\u2026 de otra providencia judicial que tenga fuerza ejecutiva conforme a la ley\u201d. Pues bien, esta invocaci\u00f3n es conforme a derecho ...<br \/><div class=\"pt-cv-rmwrap\"><a href=\"https:\/\/www.dmsjuridica.com\/buscador_20179478954\/corteconstitucionalcronologico202454587\/t-697-03\/\" class=\"_self pt-cv-readmore btn btn-success\" target=\"_self\">Ver Sentencia Completa...<\/a><\/div><\/div><\/div><\/div>\n<div class=\"col-md-12 col-sm-12 col-xs-12 pt-cv-content-item pt-cv-1-col\" ><div class='pt-cv-ifield'><a href=\"https:\/\/www.dmsjuridica.com\/buscador_20179478954\/corteconstitucionalcronologico202454587\/t-696-03\/\" class=\"_self pt-cv-href-thumbnail pt-cv-thumb-default\" target=\"_self\" ><\/a>\n<div class=\"pt-cv-taxoterm above_title\"><a href='https:\/\/www.dmsjuridica.com\/buscador_20179478954\/corteconstitucionalcronologico202454587\/category\/buscar-en-toda-la-corte\/2003\/tutelas-2003\/' title='Tutelas 2003' class='pt-cv-tax-tutelas-2003'>Tutelas 2003<\/a><\/div>\n<h4 class=\"pt-cv-title\"><a href=\"https:\/\/www.dmsjuridica.com\/buscador_20179478954\/corteconstitucionalcronologico202454587\/t-696-03\/\" class=\"_self\" target=\"_self\" >T-696-03<\/a><\/h4>\n<div class=\"pt-cv-content\">\u00a0 \u00a0 Sentencia T-696\/03 \u00a0 ACCION DE TUTELA-Hecho superado \u00a0 Reiteraci\u00f3n de Jurisprudencia \u00a0 Referencia: expediente T-729186 \u00a0 Acci\u00f3n de tutela instaurada por Ana Cristina Cruz Perdomo contra la E.P.S Servicio Occidental de Salud \u201cS.O.S.\u201d, la Direcci\u00f3n Ejecutiva de Administraci\u00f3n Judicial y el Ministerio de Hacienda. \u00a0 Magistrado Ponente: \u00a0 Dr. JAIME ARAUJO RENTER\u00cdA \u00a0 Bogot\u00e1, D.C., trece (13) de agosto de dos mil tres (2003). \u00a0 La Sala Primera de Revisi\u00f3n de la Corte Constitucional, en ejercicio de sus competencias constitucionales y legales, en particular las contenidas en los art\u00edculos 86 y 241, numeral 9, de la Constituci\u00f3n y ...<br \/><div class=\"pt-cv-rmwrap\"><a href=\"https:\/\/www.dmsjuridica.com\/buscador_20179478954\/corteconstitucionalcronologico202454587\/t-696-03\/\" class=\"_self pt-cv-readmore btn btn-success\" target=\"_self\">Ver Sentencia Completa...<\/a><\/div><\/div><\/div><\/div>\n<div class=\"col-md-12 col-sm-12 col-xs-12 pt-cv-content-item pt-cv-1-col\" ><div class='pt-cv-ifield'><a href=\"https:\/\/www.dmsjuridica.com\/buscador_20179478954\/corteconstitucionalcronologico202454587\/t-695-03\/\" class=\"_self pt-cv-href-thumbnail pt-cv-thumb-default\" target=\"_self\" ><\/a>\n<div class=\"pt-cv-taxoterm above_title\"><a href='https:\/\/www.dmsjuridica.com\/buscador_20179478954\/corteconstitucionalcronologico202454587\/category\/buscar-en-toda-la-corte\/2003\/tutelas-2003\/' title='Tutelas 2003' class='pt-cv-tax-tutelas-2003'>Tutelas 2003<\/a><\/div>\n<h4 class=\"pt-cv-title\"><a href=\"https:\/\/www.dmsjuridica.com\/buscador_20179478954\/corteconstitucionalcronologico202454587\/t-695-03\/\" class=\"_self\" target=\"_self\" >T-695-03<\/a><\/h4>\n<div class=\"pt-cv-content\">\u00a0 \u00a0 Sentencia T-695\/03 \u00a0 ACCION DE TUTELA CONTRA PARTICULARES-Procedencia contra empresa\/DERECHO DE PETICION ANTE ORGANIZACIONES PRIVADAS-Solicitud copia de contrato laboral \u00a0 No puede la Sala de Revisi\u00f3n aceptar el argumento de los jueces de instancia seg\u00fan el cual las demandantes no se encuentran en situaci\u00f3n de indefensi\u00f3n porque ya no son empleadas de la accionada, pues como acertadamente lo se\u00f1al\u00f3 la Corte en la sentencia citada, los efectos de la antigua relaci\u00f3n laboral se entienden prolongados en el tiempo cuando el debate que surge se encuentra en directa relaci\u00f3n con ese v\u00ednculo. No encuentra por lo dem\u00e1s la Corte ...<br \/><div class=\"pt-cv-rmwrap\"><a href=\"https:\/\/www.dmsjuridica.com\/buscador_20179478954\/corteconstitucionalcronologico202454587\/t-695-03\/\" class=\"_self pt-cv-readmore btn btn-success\" target=\"_self\">Ver Sentencia Completa...<\/a><\/div><\/div><\/div><\/div>\n<div class=\"col-md-12 col-sm-12 col-xs-12 pt-cv-content-item pt-cv-1-col\" ><div class='pt-cv-ifield'><a href=\"https:\/\/www.dmsjuridica.com\/buscador_20179478954\/corteconstitucionalcronologico202454587\/t-689-03\/\" class=\"_self pt-cv-href-thumbnail pt-cv-thumb-default\" target=\"_self\" ><\/a>\n<div class=\"pt-cv-taxoterm above_title\"><a href='https:\/\/www.dmsjuridica.com\/buscador_20179478954\/corteconstitucionalcronologico202454587\/category\/buscar-en-toda-la-corte\/2003\/tutelas-2003\/' title='Tutelas 2003' class='pt-cv-tax-tutelas-2003'>Tutelas 2003<\/a><\/div>\n<h4 class=\"pt-cv-title\"><a href=\"https:\/\/www.dmsjuridica.com\/buscador_20179478954\/corteconstitucionalcronologico202454587\/t-689-03\/\" class=\"_self\" target=\"_self\" >T-689-03<\/a><\/h4>\n<div class=\"pt-cv-content\">\u00a0 \u00a0 Sentencia T-689\/03 \u00a0 REGIMEN SUBSIDIADO DE SEGURIDAD SOCIAL EN SALUD-Procedimiento a seguir en caso de traslado de residencia a otro municipio \u00a0 Quien traslada su lugar de residencia de una municipalidad a otra debe someterse al proceso previsto para los dem\u00e1s habitantes, con lo cual se pretende asegurar el acceso al r\u00e9gimen subsidiado en condiciones de igualdad seg\u00fan las disponibilidades de recursos que garanticen la estabilidad financiera de cada entidad territorial. De cualquier manera, lo anterior no significa que la persona quede al garete en cuanto a la atenci\u00f3n en salud, pues si carece de los recursos suficientes ...<br \/><div class=\"pt-cv-rmwrap\"><a href=\"https:\/\/www.dmsjuridica.com\/buscador_20179478954\/corteconstitucionalcronologico202454587\/t-689-03\/\" class=\"_self pt-cv-readmore btn btn-success\" target=\"_self\">Ver Sentencia Completa...<\/a><\/div><\/div><\/div><\/div>\n<div class=\"col-md-12 col-sm-12 col-xs-12 pt-cv-content-item pt-cv-1-col\" ><div class='pt-cv-ifield'><a href=\"https:\/\/www.dmsjuridica.com\/buscador_20179478954\/corteconstitucionalcronologico202454587\/t-688-03\/\" class=\"_self pt-cv-href-thumbnail pt-cv-thumb-default\" target=\"_self\" ><\/a>\n<div class=\"pt-cv-taxoterm above_title\"><a href='https:\/\/www.dmsjuridica.com\/buscador_20179478954\/corteconstitucionalcronologico202454587\/category\/buscar-en-toda-la-corte\/2003\/tutelas-2003\/' title='Tutelas 2003' class='pt-cv-tax-tutelas-2003'>Tutelas 2003<\/a><\/div>\n<h4 class=\"pt-cv-title\"><a href=\"https:\/\/www.dmsjuridica.com\/buscador_20179478954\/corteconstitucionalcronologico202454587\/t-688-03\/\" class=\"_self\" target=\"_self\" >T-688-03<\/a><\/h4>\n<div class=\"pt-cv-content\">\u00a0 \u00a0 Sentencia T-688\/03 \u00a0 ACCION DE TUTELA CONTRA PROVIDENCIAS JUDICIALES-Situaciones de procedencia\/VIA DE HECHO-Clases de defectos en la actuaci\u00f3n \u00a0 Las sentencias condicionadas se explican por la necesidad de restringir el \u00e1mbito interpretativo de las disposiciones del ordenamiento. Aquellas interpretaciones incompatibles con el ordenamiento constitucional son retiradas, manteni\u00e9ndose aquellas que, desprendi\u00e9ndose del texto, no violen la Constituci\u00f3n. Es decir, la Corte, como ocurre en cualquier fen\u00f3meno hermen\u00e9utico jur\u00eddico, fija el sentido de la norma. En este orden de ideas, la Corte est\u00e1 indicando, debido al car\u00e1cter erga omnes de sus decisiones, cu\u00e1l es la norma aplicable: el texto normativo ...<br \/><div class=\"pt-cv-rmwrap\"><a href=\"https:\/\/www.dmsjuridica.com\/buscador_20179478954\/corteconstitucionalcronologico202454587\/t-688-03\/\" class=\"_self pt-cv-readmore btn btn-success\" target=\"_self\">Ver Sentencia Completa...<\/a><\/div><\/div><\/div><\/div>\n<div class=\"col-md-12 col-sm-12 col-xs-12 pt-cv-content-item pt-cv-1-col\" ><div class='pt-cv-ifield'><a href=\"https:\/\/www.dmsjuridica.com\/buscador_20179478954\/corteconstitucionalcronologico202454587\/t-687-03\/\" class=\"_self pt-cv-href-thumbnail pt-cv-thumb-default\" target=\"_self\" ><\/a>\n<div class=\"pt-cv-taxoterm above_title\"><a href='https:\/\/www.dmsjuridica.com\/buscador_20179478954\/corteconstitucionalcronologico202454587\/category\/buscar-en-toda-la-corte\/2003\/tutelas-2003\/' title='Tutelas 2003' class='pt-cv-tax-tutelas-2003'>Tutelas 2003<\/a><\/div>\n<h4 class=\"pt-cv-title\"><a href=\"https:\/\/www.dmsjuridica.com\/buscador_20179478954\/corteconstitucionalcronologico202454587\/t-687-03\/\" class=\"_self\" target=\"_self\" >T-687-03<\/a><\/h4>\n<div class=\"pt-cv-content\">\u00a0 \u00a0 Sentencia T-687\/03 \u00a0 DERECHO A LA SALUD DEL INTERNO-Pr\u00e1ctica de ex\u00e1menes \u00a0 Referencia: expediente T-737218 \u00a0 Acci\u00f3n de tutela instaurada por Jairo Benavides contra la Penitenciar\u00eda Nacional de Acac\u00edas (Meta). \u00a0 Magistrado Ponente: \u00a0 Dr. EDUARDO MONTEALEGRE LYNETT. \u00a0 Bogot\u00e1 D.C., ocho (8) de agosto de dos mil tres (2003). \u00a0 SENTENCIA \u00a0 dentro del proceso de \u00a0revisi\u00f3n de los fallos dictados por el Juzgado Penal del Circuito de Acac\u00edas y la Sala Penal del Tribunal Superior de Villavicencio, en primera y segunda instancia, dentro del expediente de tutela T-737218. \u00a0 I. ANTECEDENTES. \u00a0 Solicitud de amparo y ...<br \/><div class=\"pt-cv-rmwrap\"><a href=\"https:\/\/www.dmsjuridica.com\/buscador_20179478954\/corteconstitucionalcronologico202454587\/t-687-03\/\" class=\"_self pt-cv-readmore btn btn-success\" target=\"_self\">Ver Sentencia Completa...<\/a><\/div><\/div><\/div><\/div>\n<div class=\"col-md-12 col-sm-12 col-xs-12 pt-cv-content-item pt-cv-1-col\" ><div class='pt-cv-ifield'><a href=\"https:\/\/www.dmsjuridica.com\/buscador_20179478954\/corteconstitucionalcronologico202454587\/t-686-03\/\" class=\"_self pt-cv-href-thumbnail pt-cv-thumb-default\" target=\"_self\" ><\/a>\n<div class=\"pt-cv-taxoterm above_title\"><a href='https:\/\/www.dmsjuridica.com\/buscador_20179478954\/corteconstitucionalcronologico202454587\/category\/buscar-en-toda-la-corte\/2003\/tutelas-2003\/' title='Tutelas 2003' class='pt-cv-tax-tutelas-2003'>Tutelas 2003<\/a><\/div>\n<h4 class=\"pt-cv-title\"><a href=\"https:\/\/www.dmsjuridica.com\/buscador_20179478954\/corteconstitucionalcronologico202454587\/t-686-03\/\" class=\"_self\" target=\"_self\" >T-686-03<\/a><\/h4>\n<div class=\"pt-cv-content\">\u00a0 \u00a0 Sentencia T-686\/03 \u00a0 Quienes tienen a su cargo el pago de los servicios de seguridad social y la cancelaci\u00f3n de las mesadas a los pensionados, asumen la posici\u00f3n de garante en la satisfacci\u00f3n de dicha obligaci\u00f3n. Ello implica (i) la implementaci\u00f3n de diversas estrategias que garanticen la minimizaci\u00f3n del riesgo y la protecci\u00f3n del rubro presupuestal destinado a la satisfacci\u00f3n del pago de las mesadas pensionales; (ii) la asunci\u00f3n de un deber de salvamento respecto de las contingencias que puedan poner en peligro la cancelaci\u00f3n de las mesadas de las personas pensionadas y que constituyan un riesgo previsible ...<br \/><div class=\"pt-cv-rmwrap\"><a href=\"https:\/\/www.dmsjuridica.com\/buscador_20179478954\/corteconstitucionalcronologico202454587\/t-686-03\/\" class=\"_self pt-cv-readmore btn btn-success\" target=\"_self\">Ver Sentencia Completa...<\/a><\/div><\/div><\/div><\/div>\n<div class=\"col-md-12 col-sm-12 col-xs-12 pt-cv-content-item pt-cv-1-col\" ><div class='pt-cv-ifield'><a href=\"https:\/\/www.dmsjuridica.com\/buscador_20179478954\/corteconstitucionalcronologico202454587\/t-685-03\/\" class=\"_self pt-cv-href-thumbnail pt-cv-thumb-default\" target=\"_self\" ><\/a>\n<div class=\"pt-cv-taxoterm above_title\"><a href='https:\/\/www.dmsjuridica.com\/buscador_20179478954\/corteconstitucionalcronologico202454587\/category\/buscar-en-toda-la-corte\/2003\/tutelas-2003\/' title='Tutelas 2003' class='pt-cv-tax-tutelas-2003'>Tutelas 2003<\/a><\/div>\n<h4 class=\"pt-cv-title\"><a href=\"https:\/\/www.dmsjuridica.com\/buscador_20179478954\/corteconstitucionalcronologico202454587\/t-685-03\/\" class=\"_self\" target=\"_self\" >T-685-03<\/a><\/h4>\n<div class=\"pt-cv-content\">\u00a0 \u00a0 Sentencia T-685\/03 \u00a0 RATIO DECIDENDI-No pueden calificarse como tal los argumentos que no permiten comprender la resoluci\u00f3n del caso\u00a0 \u00a0 La ratio decidendi de una sentencia, \u00fanicamente se estructura a partir de considerar la parte resolutiva y la parte motiva que guarda relaci\u00f3n directa con ella. Lo anterior, por cuanto la ratio decidendi constituye el fundamento de la decisi\u00f3n. As\u00ed, no puede calificarse de ratio a aquellos argumentos que no permiten comprender la resoluci\u00f3n del caso. \u00a0 PROCESO DE RESTITUCION DE INMUEBLE ARRENDADO-Norma vigente para efectos de notificaci\u00f3n\u00a0 \u00a0 REINCORPORACION DE NORMAS DEROGADAS-Efecto ipso iure\/REINCORPORACION DE NORMAS DEROGADAS-Requisitos ...<br \/><div class=\"pt-cv-rmwrap\"><a href=\"https:\/\/www.dmsjuridica.com\/buscador_20179478954\/corteconstitucionalcronologico202454587\/t-685-03\/\" class=\"_self pt-cv-readmore btn btn-success\" target=\"_self\">Ver Sentencia Completa...<\/a><\/div><\/div><\/div><\/div>\n<div class=\"col-md-12 col-sm-12 col-xs-12 pt-cv-content-item pt-cv-1-col\" ><div class='pt-cv-ifield'><a href=\"https:\/\/www.dmsjuridica.com\/buscador_20179478954\/corteconstitucionalcronologico202454587\/t-684-03\/\" class=\"_self pt-cv-href-thumbnail pt-cv-thumb-default\" target=\"_self\" ><\/a>\n<div class=\"pt-cv-taxoterm above_title\"><a href='https:\/\/www.dmsjuridica.com\/buscador_20179478954\/corteconstitucionalcronologico202454587\/category\/buscar-en-toda-la-corte\/2003\/tutelas-2003\/' title='Tutelas 2003' class='pt-cv-tax-tutelas-2003'>Tutelas 2003<\/a><\/div>\n<h4 class=\"pt-cv-title\"><a href=\"https:\/\/www.dmsjuridica.com\/buscador_20179478954\/corteconstitucionalcronologico202454587\/t-684-03\/\" class=\"_self\" target=\"_self\" >T-684-03<\/a><\/h4>\n<div class=\"pt-cv-content\">\u00a0 \u00a0 Sentencia T-684\/03 \u00a0 ACCION DE TUTELA CONTRA PROVIDENCIAS JUDICIALES-Procedencia \u00a0 LEVANTAMIENTO DE FUERO SINDICAL-Decisi\u00f3n no tiene recursos \u00a0 ACCION DE TUTELA-Inmediatez y factores que deben tenerse en cuenta para establecer razonabilidad del t\u00e9rmino \u00a0 La Corte Constitucional en otras oportunidades ha fijado la regla seg\u00fan la cual la tutela debe interponerse dentro de un plazo razonable. La razonabilidad del t\u00e9rmino no se ha establecido a priori, sino que ser\u00e1n las circunstancias del caso concreto las que la determinen. Sin embargo, se ha indicado que deben tenerse en cuenta algunos factores para analizar la razonabilidad del t\u00e9rmino: 1) si ...<br \/><div class=\"pt-cv-rmwrap\"><a href=\"https:\/\/www.dmsjuridica.com\/buscador_20179478954\/corteconstitucionalcronologico202454587\/t-684-03\/\" class=\"_self pt-cv-readmore btn btn-success\" target=\"_self\">Ver Sentencia Completa...<\/a><\/div><\/div><\/div><\/div>\n<div class=\"col-md-12 col-sm-12 col-xs-12 pt-cv-content-item pt-cv-1-col\" ><div class='pt-cv-ifield'><a href=\"https:\/\/www.dmsjuridica.com\/buscador_20179478954\/corteconstitucionalcronologico202454587\/t-683-03\/\" class=\"_self pt-cv-href-thumbnail pt-cv-thumb-default\" target=\"_self\" ><\/a>\n<div class=\"pt-cv-taxoterm above_title\"><a href='https:\/\/www.dmsjuridica.com\/buscador_20179478954\/corteconstitucionalcronologico202454587\/category\/buscar-en-toda-la-corte\/2003\/tutelas-2003\/' title='Tutelas 2003' class='pt-cv-tax-tutelas-2003'>Tutelas 2003<\/a><\/div>\n<h4 class=\"pt-cv-title\"><a href=\"https:\/\/www.dmsjuridica.com\/buscador_20179478954\/corteconstitucionalcronologico202454587\/t-683-03\/\" class=\"_self\" target=\"_self\" >T-683-03<\/a><\/h4>\n<div class=\"pt-cv-content\">\u00a0 \u00a0 Sentencia T-683\/03 \u00a0 CAPACIDAD ECONOMICA DE PERSONA ENFERMA-Reglas probatorias empleadas por la Corte Constitucional\/DERECHO A LA SALUD-Prueba de la incapacidad econ\u00f3mica para asumir costo del medicamento \u00a0 De la revisi\u00f3n de una parte de la jurisprudencia constitucional en materia de condiciones probatorias del tercero de los requisitos (incapacidad econ\u00f3mica del solicitante) para la autorizaci\u00f3n de procedimientos, intervenciones y medicamentos excluidos del POS, mediante \u00f3rdenes de tutela, la Corte concluye que: (i) sin perjuicio de las dem\u00e1s reglas, es aplicable la regla general en materia probatoria, seg\u00fan la cual, incumbe al actor probar el supuesto de hecho que permite ...<br \/><div class=\"pt-cv-rmwrap\"><a href=\"https:\/\/www.dmsjuridica.com\/buscador_20179478954\/corteconstitucionalcronologico202454587\/t-683-03\/\" class=\"_self pt-cv-readmore btn btn-success\" target=\"_self\">Ver Sentencia Completa...<\/a><\/div><\/div><\/div><\/div>\n<div class=\"col-md-12 col-sm-12 col-xs-12 pt-cv-content-item pt-cv-1-col\" ><div class='pt-cv-ifield'><a href=\"https:\/\/www.dmsjuridica.com\/buscador_20179478954\/corteconstitucionalcronologico202454587\/t-682-03\/\" class=\"_self pt-cv-href-thumbnail pt-cv-thumb-default\" target=\"_self\" ><\/a>\n<div class=\"pt-cv-taxoterm above_title\"><a href='https:\/\/www.dmsjuridica.com\/buscador_20179478954\/corteconstitucionalcronologico202454587\/category\/buscar-en-toda-la-corte\/2003\/tutelas-2003\/' title='Tutelas 2003' class='pt-cv-tax-tutelas-2003'>Tutelas 2003<\/a><\/div>\n<h4 class=\"pt-cv-title\"><a href=\"https:\/\/www.dmsjuridica.com\/buscador_20179478954\/corteconstitucionalcronologico202454587\/t-682-03\/\" class=\"_self\" target=\"_self\" >T-682-03<\/a><\/h4>\n<div class=\"pt-cv-content\">\u00a0 \u00a0 Sentencia T-682\/03 \u00a0 DERECHO A LA SALUD-Cirug\u00eda para correcci\u00f3n de estrabismo \u00a0 DERECHO A LA SALUD-Existencia de varios conceptos m\u00e9dicos y en sentido diferente \u00a0 La Corte encuentra que en este caso concreto (i) se present\u00f3 una contradicci\u00f3n por parte de los m\u00e9dicos de la EPS, acerca de si la intervenci\u00f3n prescrita era o no funcional, contradicci\u00f3n que pudo originarse tanto en un error de la m\u00e9dico tratante, quien de buena fe pudo haber incurrido en \u00e9l; y tambi\u00e9n, en un an\u00e1lisis plausible del segundo especialista y que ambas posturas \u00a0se hayan tomado teniendo en cuenta que se ...<br \/><div class=\"pt-cv-rmwrap\"><a href=\"https:\/\/www.dmsjuridica.com\/buscador_20179478954\/corteconstitucionalcronologico202454587\/t-682-03\/\" class=\"_self pt-cv-readmore btn btn-success\" target=\"_self\">Ver Sentencia Completa...<\/a><\/div><\/div><\/div><\/div>\n<div class=\"col-md-12 col-sm-12 col-xs-12 pt-cv-content-item pt-cv-1-col\" ><div class='pt-cv-ifield'><a href=\"https:\/\/www.dmsjuridica.com\/buscador_20179478954\/corteconstitucionalcronologico202454587\/t-680-03\/\" class=\"_self pt-cv-href-thumbnail pt-cv-thumb-default\" target=\"_self\" ><\/a>\n<div class=\"pt-cv-taxoterm above_title\"><a href='https:\/\/www.dmsjuridica.com\/buscador_20179478954\/corteconstitucionalcronologico202454587\/category\/buscar-en-toda-la-corte\/2003\/tutelas-2003\/' title='Tutelas 2003' class='pt-cv-tax-tutelas-2003'>Tutelas 2003<\/a><\/div>\n<h4 class=\"pt-cv-title\"><a href=\"https:\/\/www.dmsjuridica.com\/buscador_20179478954\/corteconstitucionalcronologico202454587\/t-680-03\/\" class=\"_self\" target=\"_self\" >T-680-03<\/a><\/h4>\n<div class=\"pt-cv-content\">\u00a0 \u00a0 Sentencia T-680\/03 \u00a0 LEGITIMACION POR ACTIVA EN TUTELA-Padre en representaci\u00f3n de hijo aunque no invoc\u00f3 como vulnerados los derechos de \u00e9ste \u00a0 Para la Corte es claro que el actor como representante legal de su hijo reci\u00e9n nacido est\u00e1 legitimado por activa para interponer acciones de tutela en defensa de los derechos fundamentales del menor de edad. Esto de conformidad con el art\u00edculo 86 de la Constituci\u00f3n Pol\u00edtica y el art\u00edculo 10\u00b0 del Decreto 2591 de 1991. Ahora bien, el problema se presenta cuando el padre ejerce la acci\u00f3n de tutela a nombre propio, no siendo ello procedente ...<br \/><div class=\"pt-cv-rmwrap\"><a href=\"https:\/\/www.dmsjuridica.com\/buscador_20179478954\/corteconstitucionalcronologico202454587\/t-680-03\/\" class=\"_self pt-cv-readmore btn btn-success\" target=\"_self\">Ver Sentencia Completa...<\/a><\/div><\/div><\/div><\/div>\n<div class=\"col-md-12 col-sm-12 col-xs-12 pt-cv-content-item pt-cv-1-col\" ><div class='pt-cv-ifield'><a href=\"https:\/\/www.dmsjuridica.com\/buscador_20179478954\/corteconstitucionalcronologico202454587\/t-679-03\/\" class=\"_self pt-cv-href-thumbnail pt-cv-thumb-default\" target=\"_self\" ><\/a>\n<div class=\"pt-cv-taxoterm above_title\"><a href='https:\/\/www.dmsjuridica.com\/buscador_20179478954\/corteconstitucionalcronologico202454587\/category\/buscar-en-toda-la-corte\/2003\/tutelas-2003\/' title='Tutelas 2003' class='pt-cv-tax-tutelas-2003'>Tutelas 2003<\/a><\/div>\n<h4 class=\"pt-cv-title\"><a href=\"https:\/\/www.dmsjuridica.com\/buscador_20179478954\/corteconstitucionalcronologico202454587\/t-679-03\/\" class=\"_self\" target=\"_self\" >T-679-03<\/a><\/h4>\n<div class=\"pt-cv-content\">\u00a0 \u00a0 Sentencia T-679\/03 \u00a0 MEDIO DE DEFENSA JUDICIAL-Idoneidad y eficacia para demandar Decreto \u00a0 Si se considera que est\u00e1n dadas las condiciones exigidas en el art\u00edculo 152 del mismo C\u00f3digo, ser\u00eda posible buscar la suspensi\u00f3n provisional del art\u00edculo 6 del Decreto 673 de 2002, que regula la figura de la prima especial para ciertos funcionarios de la rama judicial. Por lo anterior, la acci\u00f3n de nulidad constituye un medio de defensa judicial id\u00f3neo para alcanzar el fin que persigue el accionante, por lo cual no procede en principio la acci\u00f3n de tutela, a menos que exista un perjuicio irremediable, ...<br \/><div class=\"pt-cv-rmwrap\"><a href=\"https:\/\/www.dmsjuridica.com\/buscador_20179478954\/corteconstitucionalcronologico202454587\/t-679-03\/\" class=\"_self pt-cv-readmore btn btn-success\" target=\"_self\">Ver Sentencia Completa...<\/a><\/div><\/div><\/div><\/div>\n<div class=\"col-md-12 col-sm-12 col-xs-12 pt-cv-content-item pt-cv-1-col\" ><div class='pt-cv-ifield'><a href=\"https:\/\/www.dmsjuridica.com\/buscador_20179478954\/corteconstitucionalcronologico202454587\/t-678-03\/\" class=\"_self pt-cv-href-thumbnail pt-cv-thumb-default\" target=\"_self\" ><\/a>\n<div class=\"pt-cv-taxoterm above_title\"><a href='https:\/\/www.dmsjuridica.com\/buscador_20179478954\/corteconstitucionalcronologico202454587\/category\/buscar-en-toda-la-corte\/2003\/tutelas-2003\/' title='Tutelas 2003' class='pt-cv-tax-tutelas-2003'>Tutelas 2003<\/a><\/div>\n<h4 class=\"pt-cv-title\"><a href=\"https:\/\/www.dmsjuridica.com\/buscador_20179478954\/corteconstitucionalcronologico202454587\/t-678-03\/\" class=\"_self\" target=\"_self\" >T-678-03<\/a><\/h4>\n<div class=\"pt-cv-content\">\u00a0 \u00a0 Sentencia T-678\/03 \u00a0 DERECHO FUNDAMENTAL A LA TUTELA JUDICIAL EFECTIVA-Orden a la Corte Suprema para que se falle de fondo una acci\u00f3n de tutela \u00a0 Dejar\u00e1 sin efectos la decisi\u00f3n objeto de revisi\u00f3n mediante su anulaci\u00f3n, conceder\u00e1 la tutela del derecho fundamental a acceder a la justicia y ordenar\u00e1 que se falle de fondo de conformidad con la doctrina constitucional que m\u00e1s adelante se expone, todo ello con fundamento en el art\u00edculo 36 del Decreto 2591 de 1991 que al respecto dispone: \u201cEfectos de la revisi\u00f3n. Las sentencias en que se revise una decisi\u00f3n de tutela solo surtir\u00e1n ...<br \/><div class=\"pt-cv-rmwrap\"><a href=\"https:\/\/www.dmsjuridica.com\/buscador_20179478954\/corteconstitucionalcronologico202454587\/t-678-03\/\" class=\"_self pt-cv-readmore btn btn-success\" target=\"_self\">Ver Sentencia Completa...<\/a><\/div><\/div><\/div><\/div>\n<div class=\"col-md-12 col-sm-12 col-xs-12 pt-cv-content-item pt-cv-1-col\" ><div class='pt-cv-ifield'><a href=\"https:\/\/www.dmsjuridica.com\/buscador_20179478954\/corteconstitucionalcronologico202454587\/t-677-03\/\" class=\"_self pt-cv-href-thumbnail pt-cv-thumb-default\" target=\"_self\" ><\/a>\n<div class=\"pt-cv-taxoterm above_title\"><a href='https:\/\/www.dmsjuridica.com\/buscador_20179478954\/corteconstitucionalcronologico202454587\/category\/buscar-en-toda-la-corte\/2003\/tutelas-2003\/' title='Tutelas 2003' class='pt-cv-tax-tutelas-2003'>Tutelas 2003<\/a><\/div>\n<h4 class=\"pt-cv-title\"><a href=\"https:\/\/www.dmsjuridica.com\/buscador_20179478954\/corteconstitucionalcronologico202454587\/t-677-03\/\" class=\"_self\" target=\"_self\" >T-677-03<\/a><\/h4>\n<div class=\"pt-cv-content\">\u00a0 \u00a0 Sentencia T-677\/03 \u00a0 CORTE SUPREMA DE JUSTICIA-Obligaci\u00f3n de dar tr\u00e1mite a la acci\u00f3n de tutela y de resolver mediante sentencia \u00a0 En el presente caso, es obvio que la Sala Penal de la Corte Suprema de Justicia rechaz\u00f3 la solicitud de tutela por una causal no prevista en la Ley, conculcando las formas propias de la acci\u00f3n de tutela y obrando con total desprendimiento y quebranto del ordenamiento jur\u00eddico, incurriendo en una t\u00edpica v\u00eda de hecho, por inaplicaci\u00f3n de la ley sustancial, comportamiento, que por lo dem\u00e1s, le est\u00e1 prohibido, puesto que en sus providencias tambi\u00e9n est\u00e1 obligada ...<br \/><div class=\"pt-cv-rmwrap\"><a href=\"https:\/\/www.dmsjuridica.com\/buscador_20179478954\/corteconstitucionalcronologico202454587\/t-677-03\/\" class=\"_self pt-cv-readmore btn btn-success\" target=\"_self\">Ver Sentencia Completa...<\/a><\/div><\/div><\/div><\/div>\n<div class=\"col-md-12 col-sm-12 col-xs-12 pt-cv-content-item pt-cv-1-col\" ><div class='pt-cv-ifield'><a href=\"https:\/\/www.dmsjuridica.com\/buscador_20179478954\/corteconstitucionalcronologico202454587\/t-676-03\/\" class=\"_self pt-cv-href-thumbnail pt-cv-thumb-default\" target=\"_self\" ><\/a>\n<div class=\"pt-cv-taxoterm above_title\"><a href='https:\/\/www.dmsjuridica.com\/buscador_20179478954\/corteconstitucionalcronologico202454587\/category\/buscar-en-toda-la-corte\/2003\/tutelas-2003\/' title='Tutelas 2003' class='pt-cv-tax-tutelas-2003'>Tutelas 2003<\/a><\/div>\n<h4 class=\"pt-cv-title\"><a href=\"https:\/\/www.dmsjuridica.com\/buscador_20179478954\/corteconstitucionalcronologico202454587\/t-676-03\/\" class=\"_self\" target=\"_self\" >T-676-03<\/a><\/h4>\n<div class=\"pt-cv-content\">\u00a0 \u00a0 Sentencia T-676\/03 \u00a0 PERSONA JURIDICA-Titularidad de derechos fundamentales \u00a0 ACCION DE TUTELA DE PERSONA JURIDICA CONTRA SENTENCIA DE TRIBUNAL-Procedencia \u00a0 ACCION DE TUTELA CONTRA PROVIDENCIAS JUDICIALES-Procedencia excepcional por v\u00eda de hecho judicial \u00a0 La Sala concuerda con los magistrados que disintieron de los fundamentos del fallo ahora impugnado pero, adem\u00e1s, encuentra que la decisi\u00f3n de la Sala Civil del Tribunal Superior de Medell\u00edn no tiene sustento jur\u00eddico, ya que carece de fuente normativa y est\u00e1 basada en una lectura manifiestamente equivocada de la jurisprudencia constitucional sobre la materia.\u00a0 \u00a0 ACCION DE TUTELA DE CONAVI CONTRA SENTENCIA DE TRIBUNAL-Existencia ...<br \/><div class=\"pt-cv-rmwrap\"><a href=\"https:\/\/www.dmsjuridica.com\/buscador_20179478954\/corteconstitucionalcronologico202454587\/t-676-03\/\" class=\"_self pt-cv-readmore btn btn-success\" target=\"_self\">Ver Sentencia Completa...<\/a><\/div><\/div><\/div><\/div>\n<div class=\"col-md-12 col-sm-12 col-xs-12 pt-cv-content-item pt-cv-1-col\" ><div class='pt-cv-ifield'><a href=\"https:\/\/www.dmsjuridica.com\/buscador_20179478954\/corteconstitucionalcronologico202454587\/t-675-03\/\" class=\"_self pt-cv-href-thumbnail pt-cv-thumb-default\" target=\"_self\" ><\/a>\n<div class=\"pt-cv-taxoterm above_title\"><a href='https:\/\/www.dmsjuridica.com\/buscador_20179478954\/corteconstitucionalcronologico202454587\/category\/buscar-en-toda-la-corte\/2003\/tutelas-2003\/' title='Tutelas 2003' class='pt-cv-tax-tutelas-2003'>Tutelas 2003<\/a><\/div>\n<h4 class=\"pt-cv-title\"><a href=\"https:\/\/www.dmsjuridica.com\/buscador_20179478954\/corteconstitucionalcronologico202454587\/t-675-03\/\" class=\"_self\" target=\"_self\" >T-675-03<\/a><\/h4>\n<div class=\"pt-cv-content\">\u00a0 \u00a0 Sentencia T-675\/03 \u00a0 PERSONA JURIDICA CONDENADA EN PROCESO LABORAL Y MEDIO DE DEFENSA JUDICIAL \u00a0 Observa la Corte que desentra\u00f1ar cu\u00e1les son los extremos de la relaci\u00f3n laboral que dio lugar al proceso ordinario contra la Cruz Roja Colombiana; qui\u00e9nes tuvieron car\u00e1cter de parte en ese proceso y si existe correspondencia entre la entidad que result\u00f3 condenada en el proceso ordinario laboral y los embargos decretados, es materia que desborda el \u00e1mbito de la acci\u00f3n de tutela, en la medida en que para el efecto est\u00e1n previstos espec\u00edficos y expeditos mecanismos de defensa judicial alternativos. En efecto, si ...<br \/><div class=\"pt-cv-rmwrap\"><a href=\"https:\/\/www.dmsjuridica.com\/buscador_20179478954\/corteconstitucionalcronologico202454587\/t-675-03\/\" class=\"_self pt-cv-readmore btn btn-success\" target=\"_self\">Ver Sentencia Completa...<\/a><\/div><\/div><\/div><\/div>\n<div class=\"col-md-12 col-sm-12 col-xs-12 pt-cv-content-item pt-cv-1-col\" ><div class='pt-cv-ifield'><a href=\"https:\/\/www.dmsjuridica.com\/buscador_20179478954\/corteconstitucionalcronologico202454587\/t-674-03\/\" class=\"_self pt-cv-href-thumbnail pt-cv-thumb-default\" target=\"_self\" ><\/a>\n<div class=\"pt-cv-taxoterm above_title\"><a href='https:\/\/www.dmsjuridica.com\/buscador_20179478954\/corteconstitucionalcronologico202454587\/category\/buscar-en-toda-la-corte\/2003\/tutelas-2003\/' title='Tutelas 2003' class='pt-cv-tax-tutelas-2003'>Tutelas 2003<\/a><\/div>\n<h4 class=\"pt-cv-title\"><a href=\"https:\/\/www.dmsjuridica.com\/buscador_20179478954\/corteconstitucionalcronologico202454587\/t-674-03\/\" class=\"_self\" target=\"_self\" >T-674-03<\/a><\/h4>\n<div class=\"pt-cv-content\">\u00a0 \u00a0 Sentencia T-674\/03 \u00a0 DERECHO A LA SALUD-Fundamental por conexidad con la vida \u00a0 INAPLICACION DE NORMAS DEL PLAN OBLIGATORIO DE SALUD-Pr\u00e1ctica de ex\u00e1menes excluidos del manual de actividades, intervenciones y procedimientos\u00a0 \u00a0 ENTIDAD PROMOTORA DE SALUD-Repetici\u00f3n contra el FOSYGA \u00a0 DERECHO A LA VIDA-Realizaci\u00f3n por el POS de examen de carga viral para hepatitis \u00a0 Reiteraci\u00f3n de Jurisprudencia \u00a0 Referencia: expediente T-736165 \u00a0 Acci\u00f3n de tutela instaurada por HOLGUER MARTINEZ GALVIS contra CAFESALUD E.P.S. \u00a0 Magistrado Ponente: \u00a0 Dr. RODRIGO ESCOBAR GIL \u00a0 Bogot\u00e1, D.C., seis (6) de agosto de dos mil tres (2003). \u00a0 SENTENCIA \u00a0 dentro ...<br \/><div class=\"pt-cv-rmwrap\"><a href=\"https:\/\/www.dmsjuridica.com\/buscador_20179478954\/corteconstitucionalcronologico202454587\/t-674-03\/\" class=\"_self pt-cv-readmore btn btn-success\" target=\"_self\">Ver Sentencia Completa...<\/a><\/div><\/div><\/div><\/div>\n<div class=\"col-md-12 col-sm-12 col-xs-12 pt-cv-content-item pt-cv-1-col\" ><div class='pt-cv-ifield'><a href=\"https:\/\/www.dmsjuridica.com\/buscador_20179478954\/corteconstitucionalcronologico202454587\/t-673-03\/\" class=\"_self pt-cv-href-thumbnail pt-cv-thumb-default\" target=\"_self\" ><\/a>\n<div class=\"pt-cv-taxoterm above_title\"><a href='https:\/\/www.dmsjuridica.com\/buscador_20179478954\/corteconstitucionalcronologico202454587\/category\/buscar-en-toda-la-corte\/2003\/tutelas-2003\/' title='Tutelas 2003' class='pt-cv-tax-tutelas-2003'>Tutelas 2003<\/a><\/div>\n<h4 class=\"pt-cv-title\"><a href=\"https:\/\/www.dmsjuridica.com\/buscador_20179478954\/corteconstitucionalcronologico202454587\/t-673-03\/\" class=\"_self\" target=\"_self\" >T-673-03<\/a><\/h4>\n<div class=\"pt-cv-content\">\u00a0 \u00a0 Sentencia T-673\/03 \u00a0 ACCION DE TUTELA-Hecho superado por reconocimiento de pensi\u00f3n \u00a0 Reiteraci\u00f3n de Jurisprudencia \u00a0 Referencia: expediente T-732752 \u00a0 Acci\u00f3n de tutela instaurada por Roberto Ahumada P\u00e9rez contra el Instituto de Seguros Sociales. \u00a0 Magistrado Ponente: \u00a0 Dr. RODRIGO ESCOBAR GIL \u00a0 Bogot\u00e1, D.C., seis (6) de agosto de dos mil tres (2003). \u00a0 La Sala Quinta de Revisi\u00f3n de la Corte Constitucional integrada por los magistrados Rodrigo Escobar Gil, Marco Gerardo Monroy Cabra y Eduardo Montealegre Lynett, en ejercicio de sus competencias constitucionales y legales, en particular las contenidas en los art\u00edculos 86 y 241, numeral ...<br \/><div class=\"pt-cv-rmwrap\"><a href=\"https:\/\/www.dmsjuridica.com\/buscador_20179478954\/corteconstitucionalcronologico202454587\/t-673-03\/\" class=\"_self pt-cv-readmore btn btn-success\" target=\"_self\">Ver Sentencia Completa...<\/a><\/div><\/div><\/div><\/div>\n<div class=\"col-md-12 col-sm-12 col-xs-12 pt-cv-content-item pt-cv-1-col\" ><div class='pt-cv-ifield'><a href=\"https:\/\/www.dmsjuridica.com\/buscador_20179478954\/corteconstitucionalcronologico202454587\/t-672-03\/\" class=\"_self pt-cv-href-thumbnail pt-cv-thumb-default\" target=\"_self\" ><\/a>\n<div class=\"pt-cv-taxoterm above_title\"><a href='https:\/\/www.dmsjuridica.com\/buscador_20179478954\/corteconstitucionalcronologico202454587\/category\/buscar-en-toda-la-corte\/2003\/tutelas-2003\/' title='Tutelas 2003' class='pt-cv-tax-tutelas-2003'>Tutelas 2003<\/a><\/div>\n<h4 class=\"pt-cv-title\"><a href=\"https:\/\/www.dmsjuridica.com\/buscador_20179478954\/corteconstitucionalcronologico202454587\/t-672-03\/\" class=\"_self\" target=\"_self\" >T-672-03<\/a><\/h4>\n<div class=\"pt-cv-content\">\u00a0 \u00a0 Sentencia T-672\/03 \u00a0 ACCION DE TUTELA-Hecho superado por pago de cuota parte del bono pensional \u00a0 Reiteraci\u00f3n de Jurisprudencia \u00a0 Referencia: expediente T-715149 \u00a0 Acci\u00f3n de tutela instaurada por Rosa Mar\u00eda Altahona Su\u00e1rez contra el Fondo Territorial de Pensiones y el Fondo Educativo Regional del Magdalena. \u00a0 Magistrado Ponente: \u00a0 Dr. RODRIGO ESCOBAR GIL \u00a0 Bogot\u00e1, D.C., seis (6) de agosto de dos mil tres (2003). \u00a0 La Sala Quinta de Revisi\u00f3n de la Corte Constitucional, en ejercicio de sus competencias constitucionales y legales, en particular las contenidas en los art\u00edculos 86 y 241, numeral 9, de la ...<br \/><div class=\"pt-cv-rmwrap\"><a href=\"https:\/\/www.dmsjuridica.com\/buscador_20179478954\/corteconstitucionalcronologico202454587\/t-672-03\/\" class=\"_self pt-cv-readmore btn btn-success\" target=\"_self\">Ver Sentencia Completa...<\/a><\/div><\/div><\/div><\/div>\n<div class=\"col-md-12 col-sm-12 col-xs-12 pt-cv-content-item pt-cv-1-col\" ><div class='pt-cv-ifield'><a href=\"https:\/\/www.dmsjuridica.com\/buscador_20179478954\/corteconstitucionalcronologico202454587\/t-671-03\/\" class=\"_self pt-cv-href-thumbnail pt-cv-thumb-default\" target=\"_self\" ><\/a>\n<div class=\"pt-cv-taxoterm above_title\"><a href='https:\/\/www.dmsjuridica.com\/buscador_20179478954\/corteconstitucionalcronologico202454587\/category\/buscar-en-toda-la-corte\/2003\/tutelas-2003\/' title='Tutelas 2003' class='pt-cv-tax-tutelas-2003'>Tutelas 2003<\/a><\/div>\n<h4 class=\"pt-cv-title\"><a href=\"https:\/\/www.dmsjuridica.com\/buscador_20179478954\/corteconstitucionalcronologico202454587\/t-671-03\/\" class=\"_self\" target=\"_self\" >T-671-03<\/a><\/h4>\n<div class=\"pt-cv-content\">\u00a0 \u00a0 Sentencia T-671\/03 \u00a0 DERECHO A LA EDUCACION-Deberes del estudiante \u00a0 La permanencia de los educandos en el sistema educativo est\u00e1 condicionada a su concurso activo en la labor formativa intelectual y disciplinaria, y por ello, la falta de rendimiento, la indisciplina reiterada y la ausencia de motivaci\u00f3n y compromiso con la instancia educativa, pueden tener la suficiente entidad como para que el alumno sea retirado del establecimiento o no sea aceptado nuevamente en el lugar donde deb\u00eda responder y no lo logra por su propia causa. \u00a0 DERECHO A LA EDUCACION DE MENOR DE EDAD-Debe aceptar posibilidades de ...<br \/><div class=\"pt-cv-rmwrap\"><a href=\"https:\/\/www.dmsjuridica.com\/buscador_20179478954\/corteconstitucionalcronologico202454587\/t-671-03\/\" class=\"_self pt-cv-readmore btn btn-success\" target=\"_self\">Ver Sentencia Completa...<\/a><\/div><\/div><\/div><\/div>\n<div class=\"col-md-12 col-sm-12 col-xs-12 pt-cv-content-item pt-cv-1-col\" ><div class='pt-cv-ifield'><a href=\"https:\/\/www.dmsjuridica.com\/buscador_20179478954\/corteconstitucionalcronologico202454587\/t-670-03\/\" class=\"_self pt-cv-href-thumbnail pt-cv-thumb-default\" target=\"_self\" ><\/a>\n<div class=\"pt-cv-taxoterm above_title\"><a href='https:\/\/www.dmsjuridica.com\/buscador_20179478954\/corteconstitucionalcronologico202454587\/category\/buscar-en-toda-la-corte\/2003\/tutelas-2003\/' title='Tutelas 2003' class='pt-cv-tax-tutelas-2003'>Tutelas 2003<\/a><\/div>\n<h4 class=\"pt-cv-title\"><a href=\"https:\/\/www.dmsjuridica.com\/buscador_20179478954\/corteconstitucionalcronologico202454587\/t-670-03\/\" class=\"_self\" target=\"_self\" >T-670-03<\/a><\/h4>\n<div class=\"pt-cv-content\">\u00a0 \u00a0 Sentencia T-670\/03 \u00a0 ACCION DE TUTELA CONTRA PROVIDENCIAS JUDICIALES-Procedencia excepcional\u00a0 \u00a0 FUERO SINDICAL DE EMPLEADO DEL INPEC-Autorizaci\u00f3n judicial para despido \u00a0 Conforme a la jurisprudencia constitucional, para establecer si una providencia judicial constituye una v\u00eda de hecho, es necesario indagar si tras la apariencia externa propia de las providencias judiciales, se esconde un acto que con arbitrariedad o ilegalidad manifiesta lesione los derechos fundamentales de las personas. Por otra parte, es necesario precisar que, contrariamente a lo se\u00f1alado por el juez de segunda instancia, la jurisprudencia constitucional ha establecido que cuando una providencia judicial se aparta de la ...<br \/><div class=\"pt-cv-rmwrap\"><a href=\"https:\/\/www.dmsjuridica.com\/buscador_20179478954\/corteconstitucionalcronologico202454587\/t-670-03\/\" class=\"_self pt-cv-readmore btn btn-success\" target=\"_self\">Ver Sentencia Completa...<\/a><\/div><\/div><\/div><\/div>\n<div class=\"col-md-12 col-sm-12 col-xs-12 pt-cv-content-item pt-cv-1-col\" ><div class='pt-cv-ifield'><a href=\"https:\/\/www.dmsjuridica.com\/buscador_20179478954\/corteconstitucionalcronologico202454587\/t-669-03\/\" class=\"_self pt-cv-href-thumbnail pt-cv-thumb-default\" target=\"_self\" ><\/a>\n<div class=\"pt-cv-taxoterm above_title\"><a href='https:\/\/www.dmsjuridica.com\/buscador_20179478954\/corteconstitucionalcronologico202454587\/category\/buscar-en-toda-la-corte\/2003\/tutelas-2003\/' title='Tutelas 2003' class='pt-cv-tax-tutelas-2003'>Tutelas 2003<\/a><\/div>\n<h4 class=\"pt-cv-title\"><a href=\"https:\/\/www.dmsjuridica.com\/buscador_20179478954\/corteconstitucionalcronologico202454587\/t-669-03\/\" class=\"_self\" target=\"_self\" >T-669-03<\/a><\/h4>\n<div class=\"pt-cv-content\">\u00a0 \u00a0 \u00a0\u00a0 \u00a0 \u00a0 \u00a0 \u00a0 \u00a0 \u00a0 \u00a0 \u00a0 \u00a0 \u00a0 \u00a0 \u00a0 \u00a0 \u00a0 \u00a0 \u00a0 \u00a0 \u00a0 \u00a0 \u00a0 \u00a0 \u00a0 \u00a0 \u00a0 \u00a0 \u00a0 \u00a0 \u00a0 \u00a0 \u00a0 \u00a0 \u00a0 \u00a0 \u00a0 \u00a0 \u00a0 \u00a0 \u00a0 \u00a0 \u00a0 \u00a0 \u00a0 \u00a0 \u00a0 \u00a0 \u00a0 \u00a0 \u00a0 \u00a0 \u00a0 \u00a0 \u00a0 \u00a0 \u00a0 \u00a0 \u00a0 \u00a0 \u00a0 \u00a0 \u00a0 \u00a0 \u00a0 \u00a0 \u00a0 \u00a0 \u00a0 \u00a0 \u00a0 \u00a0 \u00a0 \u00a0 \u00a0 \u00a0 \u00a0 \u00a0 \u00a0 \u00a0 \u00a0 \u00a0 \u00a0 \u00a0 \u00a0 \u00a0 \u00a0 \u00a0 \u00a0 \u00a0 \u00a0 \u00a0 \u00a0 \u00a0 \u00a0 \u00a0 \u00a0 \u00a0 \u00a0 \u00a0 ...<br \/><div class=\"pt-cv-rmwrap\"><a href=\"https:\/\/www.dmsjuridica.com\/buscador_20179478954\/corteconstitucionalcronologico202454587\/t-669-03\/\" class=\"_self pt-cv-readmore btn btn-success\" target=\"_self\">Ver Sentencia Completa...<\/a><\/div><\/div><\/div><\/div>\n<div class=\"col-md-12 col-sm-12 col-xs-12 pt-cv-content-item pt-cv-1-col\" ><div class='pt-cv-ifield'><a href=\"https:\/\/www.dmsjuridica.com\/buscador_20179478954\/corteconstitucionalcronologico202454587\/t-668-03\/\" class=\"_self pt-cv-href-thumbnail pt-cv-thumb-default\" target=\"_self\" ><\/a>\n<div class=\"pt-cv-taxoterm above_title\"><a href='https:\/\/www.dmsjuridica.com\/buscador_20179478954\/corteconstitucionalcronologico202454587\/category\/buscar-en-toda-la-corte\/2003\/tutelas-2003\/' title='Tutelas 2003' class='pt-cv-tax-tutelas-2003'>Tutelas 2003<\/a><\/div>\n<h4 class=\"pt-cv-title\"><a href=\"https:\/\/www.dmsjuridica.com\/buscador_20179478954\/corteconstitucionalcronologico202454587\/t-668-03\/\" class=\"_self\" target=\"_self\" >T-668-03<\/a><\/h4>\n<div class=\"pt-cv-content\">\u00a0 \u00a0 \u00a0\u00a0 Sentencia T-668\/03 \u00a0 ACCION DE TUTELA CONTRA PROVIDENCIAS JUDICIALES-Improcedencia por tratarse de interpretaci\u00f3n judicial en declaratoria de excepci\u00f3n de pleito pendiente \u00a0 No se ha violado el debido proceso; debe respetarse, por estar en firme y no haberse incurrido en v\u00eda de hecho, la decisi\u00f3n que se ha tomado en las dos instancias de la jurisdicci\u00f3n ordinaria que aceptaron la excepci\u00f3n de pleito pendiente. Inclusive la Sala Civil - Familia del Tribunal Superior de Santa Marta, \u00a0mediante providencia de 19 de septiembre \u00a0de 2002, \u00a0hizo un prolijo examen respecto a la existencia de la excepci\u00f3n de pleito ...<br \/><div class=\"pt-cv-rmwrap\"><a href=\"https:\/\/www.dmsjuridica.com\/buscador_20179478954\/corteconstitucionalcronologico202454587\/t-668-03\/\" class=\"_self pt-cv-readmore btn btn-success\" target=\"_self\">Ver Sentencia Completa...<\/a><\/div><\/div><\/div><\/div>\n<div class=\"col-md-12 col-sm-12 col-xs-12 pt-cv-content-item pt-cv-1-col\" ><div class='pt-cv-ifield'><a href=\"https:\/\/www.dmsjuridica.com\/buscador_20179478954\/corteconstitucionalcronologico202454587\/t-667-03\/\" class=\"_self pt-cv-href-thumbnail pt-cv-thumb-default\" target=\"_self\" ><\/a>\n<div class=\"pt-cv-taxoterm above_title\"><a href='https:\/\/www.dmsjuridica.com\/buscador_20179478954\/corteconstitucionalcronologico202454587\/category\/buscar-en-toda-la-corte\/2003\/tutelas-2003\/' title='Tutelas 2003' class='pt-cv-tax-tutelas-2003'>Tutelas 2003<\/a><\/div>\n<h4 class=\"pt-cv-title\"><a href=\"https:\/\/www.dmsjuridica.com\/buscador_20179478954\/corteconstitucionalcronologico202454587\/t-667-03\/\" class=\"_self\" target=\"_self\" >T-667-03<\/a><\/h4>\n<div class=\"pt-cv-content\">\u00a0 \u00a0 \u00a0\u00a0 \u00a0 \u00a0 \u00a0 \u00a0 \u00a0 \u00a0 \u00a0 \u00a0 \u00a0 \u00a0 \u00a0 \u00a0 \u00a0 \u00a0 \u00a0 \u00a0 \u00a0 \u00a0 \u00a0 \u00a0 \u00a0 \u00a0 \u00a0 \u00a0 \u00a0 \u00a0 \u00a0 \u00a0 \u00a0 \u00a0 \u00a0 \u00a0 \u00a0 \u00a0 \u00a0 \u00a0 \u00a0 \u00a0 \u00a0 \u00a0 \u00a0 \u00a0 \u00a0 \u00a0 \u00a0 \u00a0 \u00a0 \u00a0 \u00a0 \u00a0 \u00a0 \u00a0 \u00a0 \u00a0 \u00a0 \u00a0 \u00a0 \u00a0 \u00a0 \u00a0 \u00a0 \u00a0 \u00a0 \u00a0 \u00a0 \u00a0 \u00a0 \u00a0 \u00a0 \u00a0 \u00a0 \u00a0 \u00a0 \u00a0 \u00a0 \u00a0 \u00a0 \u00a0 \u00a0 \u00a0 \u00a0 \u00a0 \u00a0 \u00a0 \u00a0 \u00a0 \u00a0 \u00a0 \u00a0 \u00a0 \u00a0 \u00a0 \u00a0 \u00a0 \u00a0 \u00a0 \u00a0 ...<br \/><div class=\"pt-cv-rmwrap\"><a href=\"https:\/\/www.dmsjuridica.com\/buscador_20179478954\/corteconstitucionalcronologico202454587\/t-667-03\/\" class=\"_self pt-cv-readmore btn btn-success\" target=\"_self\">Ver Sentencia Completa...<\/a><\/div><\/div><\/div><\/div>\n<div class=\"col-md-12 col-sm-12 col-xs-12 pt-cv-content-item pt-cv-1-col\" ><div class='pt-cv-ifield'><a href=\"https:\/\/www.dmsjuridica.com\/buscador_20179478954\/corteconstitucionalcronologico202454587\/t-666-03\/\" class=\"_self pt-cv-href-thumbnail pt-cv-thumb-default\" target=\"_self\" ><\/a>\n<div class=\"pt-cv-taxoterm above_title\"><a href='https:\/\/www.dmsjuridica.com\/buscador_20179478954\/corteconstitucionalcronologico202454587\/category\/buscar-en-toda-la-corte\/2003\/tutelas-2003\/' title='Tutelas 2003' class='pt-cv-tax-tutelas-2003'>Tutelas 2003<\/a><\/div>\n<h4 class=\"pt-cv-title\"><a href=\"https:\/\/www.dmsjuridica.com\/buscador_20179478954\/corteconstitucionalcronologico202454587\/t-666-03\/\" class=\"_self\" target=\"_self\" >T-666-03<\/a><\/h4>\n<div class=\"pt-cv-content\">\u00a0 \u00a0 \u00a0\u00a0 Sentencia T-666\/03 \u00a0 DOCTRINA DEL DERECHO VIVIENTE-Valor de la jurisprudencia en el control \u00a0constitucional \u00a0 DERECHO VIVIENTE-Observancia en providencias judiciales \u00a0 JUEZ CONSTITUCIONAL EN DOCTRINA DEL DERECHO VIVIENTE-An\u00e1lisis cr\u00edtico\/JUEZ CONSTITUCIONAL EN DOCTRINA DEL DERECHO VIVIENTE-Decisi\u00f3n aut\u00f3noma de adopci\u00f3n de interpretaci\u00f3n \u00a0 Un problema de interpretaci\u00f3n no puede confundirse con un defecto sustantivo, cuando no se aprecia, como en el presente caso que hubiere un burdo comportamiento del juzgador. Si por el contrario, la interpretaci\u00f3n judicial dada tiene respaldo en precedentes jurisprudenciales y en la doctrina y dicha interpretaci\u00f3n proviene de quien, por la materia tiene autoridad para ...<br \/><div class=\"pt-cv-rmwrap\"><a href=\"https:\/\/www.dmsjuridica.com\/buscador_20179478954\/corteconstitucionalcronologico202454587\/t-666-03\/\" class=\"_self pt-cv-readmore btn btn-success\" target=\"_self\">Ver Sentencia Completa...<\/a><\/div><\/div><\/div><\/div>\n<div class=\"col-md-12 col-sm-12 col-xs-12 pt-cv-content-item pt-cv-1-col\" ><div class='pt-cv-ifield'><a href=\"https:\/\/www.dmsjuridica.com\/buscador_20179478954\/corteconstitucionalcronologico202454587\/t-665-03\/\" class=\"_self pt-cv-href-thumbnail pt-cv-thumb-default\" target=\"_self\" ><\/a>\n<div class=\"pt-cv-taxoterm above_title\"><a href='https:\/\/www.dmsjuridica.com\/buscador_20179478954\/corteconstitucionalcronologico202454587\/category\/buscar-en-toda-la-corte\/2003\/tutelas-2003\/' title='Tutelas 2003' class='pt-cv-tax-tutelas-2003'>Tutelas 2003<\/a><\/div>\n<h4 class=\"pt-cv-title\"><a href=\"https:\/\/www.dmsjuridica.com\/buscador_20179478954\/corteconstitucionalcronologico202454587\/t-665-03\/\" class=\"_self\" target=\"_self\" >T-665-03<\/a><\/h4>\n<div class=\"pt-cv-content\">\u00a0 \u00a0 Sentencia T-665\/03 \u00a0 DERECHO A LA PENSION DE VEJEZ-Asamblea ha pagado aportes pero falta comunicaci\u00f3n entre \u00e9sta y el ISS Seccional \u00a0 La Asamblea Departamental de Bol\u00edvar a la fecha que envi\u00f3 el escrito a esta Corporaci\u00f3n, 8 de julio de 2003, se encontraba a paz y salvo con el pago de los aportes a pensi\u00f3n y salud. \u00a0Pero, al parecer esta Entidad, no le ha emitido esta informaci\u00f3n al Instituto de Seguro Social de Bol\u00edvar, es decir, que ya fueron cancelados los aportes al Sistema de Seguridad Social Integral, no ha habido efecto jur\u00eddico a favor del ...<br \/><div class=\"pt-cv-rmwrap\"><a href=\"https:\/\/www.dmsjuridica.com\/buscador_20179478954\/corteconstitucionalcronologico202454587\/t-665-03\/\" class=\"_self pt-cv-readmore btn btn-success\" target=\"_self\">Ver Sentencia Completa...<\/a><\/div><\/div><\/div><\/div>\n<div class=\"col-md-12 col-sm-12 col-xs-12 pt-cv-content-item pt-cv-1-col\" ><div class='pt-cv-ifield'><a href=\"https:\/\/www.dmsjuridica.com\/buscador_20179478954\/corteconstitucionalcronologico202454587\/t-664-03\/\" class=\"_self pt-cv-href-thumbnail pt-cv-thumb-default\" target=\"_self\" ><\/a>\n<div class=\"pt-cv-taxoterm above_title\"><a href='https:\/\/www.dmsjuridica.com\/buscador_20179478954\/corteconstitucionalcronologico202454587\/category\/buscar-en-toda-la-corte\/2003\/tutelas-2003\/' title='Tutelas 2003' class='pt-cv-tax-tutelas-2003'>Tutelas 2003<\/a><\/div>\n<h4 class=\"pt-cv-title\"><a href=\"https:\/\/www.dmsjuridica.com\/buscador_20179478954\/corteconstitucionalcronologico202454587\/t-664-03\/\" class=\"_self\" target=\"_self\" >T-664-03<\/a><\/h4>\n<div class=\"pt-cv-content\">\u00a0 \u00a0 Sentencia T-664\/03 \u00a0 DERECHO DE PETICION DE COPIAS-No se predica violaci\u00f3n por cuanto expedici\u00f3n de copias se encuentra regulada en C de PC \u00a0 En relaci\u00f3n con este tipo de solicitudes, el numeral 7\u00ba del art\u00edculo 115 del C\u00f3digo de Procedimiento Civil, establece que \u201clas copias aut\u00e9nticas requerir\u00e1n auto que las ordene y la firma del secretario\u201d, quiere decir, esto que este tipo de decisiones est\u00e1n regladas por el ordenamiento procesal y por lo mismo no pueden aplicarse las normas propias de los actos de la administraci\u00f3n p\u00fablica.De esta manera, en el presente caso queda descartada la violaci\u00f3n ...<br \/><div class=\"pt-cv-rmwrap\"><a href=\"https:\/\/www.dmsjuridica.com\/buscador_20179478954\/corteconstitucionalcronologico202454587\/t-664-03\/\" class=\"_self pt-cv-readmore btn btn-success\" target=\"_self\">Ver Sentencia Completa...<\/a><\/div><\/div><\/div><\/div>\n<div class=\"col-md-12 col-sm-12 col-xs-12 pt-cv-content-item pt-cv-1-col\" ><div class='pt-cv-ifield'><a href=\"https:\/\/www.dmsjuridica.com\/buscador_20179478954\/corteconstitucionalcronologico202454587\/t-663-03\/\" class=\"_self pt-cv-href-thumbnail pt-cv-thumb-default\" target=\"_self\" ><\/a>\n<div class=\"pt-cv-taxoterm above_title\"><a href='https:\/\/www.dmsjuridica.com\/buscador_20179478954\/corteconstitucionalcronologico202454587\/category\/buscar-en-toda-la-corte\/2003\/tutelas-2003\/' title='Tutelas 2003' class='pt-cv-tax-tutelas-2003'>Tutelas 2003<\/a><\/div>\n<h4 class=\"pt-cv-title\"><a href=\"https:\/\/www.dmsjuridica.com\/buscador_20179478954\/corteconstitucionalcronologico202454587\/t-663-03\/\" class=\"_self\" target=\"_self\" >T-663-03<\/a><\/h4>\n<div class=\"pt-cv-content\">\u00a0 \u00a0 Sentencia T-663\/03 \u00a0 VIA DE HECHO-Casos de interpretaci\u00f3n de normas \u00a0 LEY-Igualdad y confianza leg\u00edtima en su aplicaci\u00f3n\/DOCTRINA PROBABLE-Sujeci\u00f3n de los jueces \u00a0 EQUIDAD EN MATERIA LABORAL-Aplicaci\u00f3n en materias no previstas en la legislaci\u00f3n\u00a0 \u00a0 DERECHOS DEL PENSIONADO A MANTENER EL PODER ADQUISITIVO DE LA MESADA-Procedencia de su reconocimiento\/INDEXACION DE LA PRIMERA MESADA PENSIONAL \u00a0 INDEXACION DE LA PRIMERA MESADA PENSIONAL-Adopci\u00f3n de una posici\u00f3n jurisprudencial unificada \u00a0 VIA DE HECHO-Decisiones judiciales contrarias a la Constituci\u00f3n \u00a0 PRINCIPIO DE INTERPRETACION MAS FAVORABLE EN MATERIA LABORAL \u00a0 INDEXACION DE LA PRIMERA MESADA PENSIONAL-Amparo de derechos fundamentales \u00a0 Referencia: expedientes acumulados ...<br \/><div class=\"pt-cv-rmwrap\"><a href=\"https:\/\/www.dmsjuridica.com\/buscador_20179478954\/corteconstitucionalcronologico202454587\/t-663-03\/\" class=\"_self pt-cv-readmore btn btn-success\" target=\"_self\">Ver Sentencia Completa...<\/a><\/div><\/div><\/div><\/div>\n<div class=\"col-md-12 col-sm-12 col-xs-12 pt-cv-content-item pt-cv-1-col\" ><div class='pt-cv-ifield'><a href=\"https:\/\/www.dmsjuridica.com\/buscador_20179478954\/corteconstitucionalcronologico202454587\/t-662-03\/\" class=\"_self pt-cv-href-thumbnail pt-cv-thumb-default\" target=\"_self\" ><\/a>\n<div class=\"pt-cv-taxoterm above_title\"><a href='https:\/\/www.dmsjuridica.com\/buscador_20179478954\/corteconstitucionalcronologico202454587\/category\/buscar-en-toda-la-corte\/2003\/tutelas-2003\/' title='Tutelas 2003' class='pt-cv-tax-tutelas-2003'>Tutelas 2003<\/a><\/div>\n<h4 class=\"pt-cv-title\"><a href=\"https:\/\/www.dmsjuridica.com\/buscador_20179478954\/corteconstitucionalcronologico202454587\/t-662-03\/\" class=\"_self\" target=\"_self\" >T-662-03<\/a><\/h4>\n<div class=\"pt-cv-content\">\u00a0 \u00a0 Sentencia T-662\/03 \u00a0 DERECHO AL DEBIDO PROCESO EN ESCUELA NAVAL \u00a0 ESCUELA NAVAL-Naturaleza jur\u00eddica \u00a0 DEBIDO PROCESO DISCIPLINARIO EN ESTABLECIMIENTO EDUCATIVO-Alcance \u00a0 Los poderes discrecionales a favor de las autoridades de las instituciones de educaci\u00f3n superior que se derivan de la autonom\u00eda universitaria no tienen un alcance tal que logre desconocer el car\u00e1cter vinculante de los derechos, principios y valores contenidos en la Constituci\u00f3n. Resultar\u00eda un contrasentido afirmar que la citada garant\u00eda institucional, tambi\u00e9n de raigambre superior, sirviera de base para proferir decisiones que estuvieran en contrav\u00eda con los mandatos de la Carta. \u00a0Por lo tanto, el juez ...<br \/><div class=\"pt-cv-rmwrap\"><a href=\"https:\/\/www.dmsjuridica.com\/buscador_20179478954\/corteconstitucionalcronologico202454587\/t-662-03\/\" class=\"_self pt-cv-readmore btn btn-success\" target=\"_self\">Ver Sentencia Completa...<\/a><\/div><\/div><\/div><\/div>\n<div class=\"col-md-12 col-sm-12 col-xs-12 pt-cv-content-item pt-cv-1-col\" ><div class='pt-cv-ifield'><a href=\"https:\/\/www.dmsjuridica.com\/buscador_20179478954\/corteconstitucionalcronologico202454587\/t-661-03\/\" class=\"_self pt-cv-href-thumbnail pt-cv-thumb-default\" target=\"_self\" ><\/a>\n<div class=\"pt-cv-taxoterm above_title\"><a href='https:\/\/www.dmsjuridica.com\/buscador_20179478954\/corteconstitucionalcronologico202454587\/category\/buscar-en-toda-la-corte\/2003\/tutelas-2003\/' title='Tutelas 2003' class='pt-cv-tax-tutelas-2003'>Tutelas 2003<\/a><\/div>\n<h4 class=\"pt-cv-title\"><a href=\"https:\/\/www.dmsjuridica.com\/buscador_20179478954\/corteconstitucionalcronologico202454587\/t-661-03\/\" class=\"_self\" target=\"_self\" >T-661-03<\/a><\/h4>\n<div class=\"pt-cv-content\">\u00a0 \u00a0 Sentencia T-661\/03 \u00a0 DERECHO AL TRABAJO-No se prob\u00f3 existencia de veto\/DERECHO AL TRABAJO-No se prob\u00f3 relaci\u00f3n de subordinaci\u00f3n \u00a0 Referencia: expediente T-727540 \u00a0 Acci\u00f3n de tutela incoada por Jorge Enrique Mora contra Codensa S.A. ESP \u00a0 Magistrado Ponente: \u00a0 Dr. JAIME C\u00d3RDOBA TRIVI\u00d1O \u00a0 Bogot\u00e1, D.C., seis (6) de agosto de dos mil tres (2003). \u00a0 La Sala Cuarta de Revisi\u00f3n de la Corte Constitucional, en ejercicio de sus competencias constitucionales y legales, espec\u00edficamente las previstas en los art\u00edculos 86 y 241, numeral 9, de la Constituci\u00f3n Pol\u00edtica y en el Decreto 2591 de 1991, ha proferido la ...<br \/><div class=\"pt-cv-rmwrap\"><a href=\"https:\/\/www.dmsjuridica.com\/buscador_20179478954\/corteconstitucionalcronologico202454587\/t-661-03\/\" class=\"_self pt-cv-readmore btn btn-success\" target=\"_self\">Ver Sentencia Completa...<\/a><\/div><\/div><\/div><\/div>\n<div class=\"col-md-12 col-sm-12 col-xs-12 pt-cv-content-item pt-cv-1-col\" ><div class='pt-cv-ifield'><a href=\"https:\/\/www.dmsjuridica.com\/buscador_20179478954\/corteconstitucionalcronologico202454587\/t-660-03\/\" class=\"_self pt-cv-href-thumbnail pt-cv-thumb-default\" target=\"_self\" ><\/a>\n<div class=\"pt-cv-taxoterm above_title\"><a href='https:\/\/www.dmsjuridica.com\/buscador_20179478954\/corteconstitucionalcronologico202454587\/category\/buscar-en-toda-la-corte\/2003\/tutelas-2003\/' title='Tutelas 2003' class='pt-cv-tax-tutelas-2003'>Tutelas 2003<\/a><\/div>\n<h4 class=\"pt-cv-title\"><a href=\"https:\/\/www.dmsjuridica.com\/buscador_20179478954\/corteconstitucionalcronologico202454587\/t-660-03\/\" class=\"_self\" target=\"_self\" >T-660-03<\/a><\/h4>\n<div class=\"pt-cv-content\">\u00a0 \u00a0 Sentencia T-660\/03 \u00a0 ACCION DE TUTELA CONTRA DECISIONES DE SUPERINTENDENCIAS EN EJERCICIO DE FUNCION JURISDICCIONAL-Procedencia \u00a0 La Corte Constitucional declar\u00f3 la exequibilidad de la disposici\u00f3n parcialmente demandada, bajo el entendido de que ella no impide el ejercicio de la acci\u00f3n de tutela contra las providencias adoptadas por las superintendencias en ejercicio de funciones jurisdiccionales. La circunstancia de haber dispuesto en la sentencia C-384 de 2000 que la acci\u00f3n de tutela procede contra las decisiones de las superintendencias que profieran en ejercicio de funciones jurisdiccionales, no significa que en cualquier evento tales decisiones de las superintendencias puedan ser impugnadas ...<br \/><div class=\"pt-cv-rmwrap\"><a href=\"https:\/\/www.dmsjuridica.com\/buscador_20179478954\/corteconstitucionalcronologico202454587\/t-660-03\/\" class=\"_self pt-cv-readmore btn btn-success\" target=\"_self\">Ver Sentencia Completa...<\/a><\/div><\/div><\/div><\/div>\n<div class=\"col-md-12 col-sm-12 col-xs-12 pt-cv-content-item pt-cv-1-col\" ><div class='pt-cv-ifield'><a href=\"https:\/\/www.dmsjuridica.com\/buscador_20179478954\/corteconstitucionalcronologico202454587\/t-659-03\/\" class=\"_self pt-cv-href-thumbnail pt-cv-thumb-default\" target=\"_self\" ><\/a>\n<div class=\"pt-cv-taxoterm above_title\"><a href='https:\/\/www.dmsjuridica.com\/buscador_20179478954\/corteconstitucionalcronologico202454587\/category\/buscar-en-toda-la-corte\/2003\/tutelas-2003\/' title='Tutelas 2003' class='pt-cv-tax-tutelas-2003'>Tutelas 2003<\/a><\/div>\n<h4 class=\"pt-cv-title\"><a href=\"https:\/\/www.dmsjuridica.com\/buscador_20179478954\/corteconstitucionalcronologico202454587\/t-659-03\/\" class=\"_self\" target=\"_self\" >T-659-03<\/a><\/h4>\n<div class=\"pt-cv-content\">\u00a0 \u00a0 Sentencia T-659\/03\u00a0 \u00a0 DERECHO A LA SALUD DEL MENOR-Cirug\u00eda exclu\u00edda del POS y que no tiene car\u00e1cter est\u00e9tico \u00a0 Para la Sala en casos como el presente, la omisi\u00f3n de la E.P.S. accionada en autorizar la realizaci\u00f3n de la cirug\u00eda del menor Juan Sebasti\u00e1n Cadavid Arteaga constituye vulneraci\u00f3n a su derecho a la salud en conexidad con la vida en condiciones dignas de las cuales forma parte el derecho del ni\u00f1o y los adolescentes al desarrollo integral y arm\u00f3nico y a la protecci\u00f3n oportuna, (art\u00edculos 44 y 45 de la C.P.) lo que de suyo implica la plena ...<br \/><div class=\"pt-cv-rmwrap\"><a href=\"https:\/\/www.dmsjuridica.com\/buscador_20179478954\/corteconstitucionalcronologico202454587\/t-659-03\/\" class=\"_self pt-cv-readmore btn btn-success\" target=\"_self\">Ver Sentencia Completa...<\/a><\/div><\/div><\/div><\/div>\n<div class=\"col-md-12 col-sm-12 col-xs-12 pt-cv-content-item pt-cv-1-col\" ><div class='pt-cv-ifield'><a href=\"https:\/\/www.dmsjuridica.com\/buscador_20179478954\/corteconstitucionalcronologico202454587\/t-647-03\/\" class=\"_self pt-cv-href-thumbnail pt-cv-thumb-default\" target=\"_self\" ><\/a>\n<div class=\"pt-cv-taxoterm above_title\"><a href='https:\/\/www.dmsjuridica.com\/buscador_20179478954\/corteconstitucionalcronologico202454587\/category\/buscar-en-toda-la-corte\/2003\/tutelas-2003\/' title='Tutelas 2003' class='pt-cv-tax-tutelas-2003'>Tutelas 2003<\/a><\/div>\n<h4 class=\"pt-cv-title\"><a href=\"https:\/\/www.dmsjuridica.com\/buscador_20179478954\/corteconstitucionalcronologico202454587\/t-647-03\/\" class=\"_self\" target=\"_self\" >T-647-03<\/a><\/h4>\n<div class=\"pt-cv-content\">\u00a0 \u00a0 Sentencia T-647\/03 \u00a0 DERECHO A LA SEGURIDAD SOCIAL-Traslado de cotizaciones por empleador \u00a0 El pago oportuno y cumplido de los aportes patronales y el descuento y posterior traslado de las cotizaciones por parte del empleador, constituye un postulado fundamental para la protecci\u00f3n al derecho a la seguridad social, lo cual a su turno, garantiza el cubrimiento y operatividad del sistema de seguridad integral. As\u00ed, frente a la omisi\u00f3n del empleador en el traslado de las cotizaciones efectivamente descontadas de su salario al trabajador, la Corte ha sido contundente en proscribir tal conducta tan recurrentemente practicada por los empleadores, ...<br \/><div class=\"pt-cv-rmwrap\"><a href=\"https:\/\/www.dmsjuridica.com\/buscador_20179478954\/corteconstitucionalcronologico202454587\/t-647-03\/\" class=\"_self pt-cv-readmore btn btn-success\" target=\"_self\">Ver Sentencia Completa...<\/a><\/div><\/div><\/div><\/div>\n<div class=\"col-md-12 col-sm-12 col-xs-12 pt-cv-content-item pt-cv-1-col\" ><div class='pt-cv-ifield'><a href=\"https:\/\/www.dmsjuridica.com\/buscador_20179478954\/corteconstitucionalcronologico202454587\/t-646-03\/\" class=\"_self pt-cv-href-thumbnail pt-cv-thumb-default\" target=\"_self\" ><\/a>\n<div class=\"pt-cv-taxoterm above_title\"><a href='https:\/\/www.dmsjuridica.com\/buscador_20179478954\/corteconstitucionalcronologico202454587\/category\/buscar-en-toda-la-corte\/2003\/tutelas-2003\/' title='Tutelas 2003' class='pt-cv-tax-tutelas-2003'>Tutelas 2003<\/a><\/div>\n<h4 class=\"pt-cv-title\"><a href=\"https:\/\/www.dmsjuridica.com\/buscador_20179478954\/corteconstitucionalcronologico202454587\/t-646-03\/\" class=\"_self\" target=\"_self\" >T-646-03<\/a><\/h4>\n<div class=\"pt-cv-content\">\u00a0 \u00a0 Sentencia T-646\/03 \u00a0 ACCION DE TUTELA CONTRA SALA CIVIL DE TRIBUNAL SUPERIOR-Por tr\u00e1mite y decisi\u00f3n en acci\u00f3n popular \u00a0 EMPRESA DE ENERGIA ELECTRICA DE BOGOTA-Pod\u00eda acudir a la tutela por cuanto no proced\u00edan recursos ordinarios ni extraordinarios contra sentencia que resuelve acci\u00f3n popular \u00a0 Establecido, que los recursos ordinarios previstos en el C\u00f3digo de Procedimiento Civil no pod\u00edan interponerse por la Empresa de Energ\u00eda El\u00e9ctrica de Bogot\u00e1 para invocar el de su derecho constitucional al debido proceso, debe la Sala considerar si la afectada con la decisi\u00f3n pod\u00eda interponer, en contra de la sentencia que se rese\u00f1a, el ...<br \/><div class=\"pt-cv-rmwrap\"><a href=\"https:\/\/www.dmsjuridica.com\/buscador_20179478954\/corteconstitucionalcronologico202454587\/t-646-03\/\" class=\"_self pt-cv-readmore btn btn-success\" target=\"_self\">Ver Sentencia Completa...<\/a><\/div><\/div><\/div><\/div>\n<div class=\"col-md-12 col-sm-12 col-xs-12 pt-cv-content-item pt-cv-1-col\" ><div class='pt-cv-ifield'><a href=\"https:\/\/www.dmsjuridica.com\/buscador_20179478954\/corteconstitucionalcronologico202454587\/t-645-03\/\" class=\"_self pt-cv-href-thumbnail pt-cv-thumb-default\" target=\"_self\" ><\/a>\n<div class=\"pt-cv-taxoterm above_title\"><a href='https:\/\/www.dmsjuridica.com\/buscador_20179478954\/corteconstitucionalcronologico202454587\/category\/buscar-en-toda-la-corte\/2003\/tutelas-2003\/' title='Tutelas 2003' class='pt-cv-tax-tutelas-2003'>Tutelas 2003<\/a><\/div>\n<h4 class=\"pt-cv-title\"><a href=\"https:\/\/www.dmsjuridica.com\/buscador_20179478954\/corteconstitucionalcronologico202454587\/t-645-03\/\" class=\"_self\" target=\"_self\" >T-645-03<\/a><\/h4>\n<div class=\"pt-cv-content\">\u00a0 \u00a0 Sentencia T-645\/03 \u00a0 DERECHO DE PERSONA DESPLAZADA A RECIBIR INFORMACION-Entidad estatal responsable de suministrar atenci\u00f3n m\u00e9dica \u00a0 El Estado, a trav\u00e9s de los empleados que tienen las funciones de hacer realidad los derechos de los desplazados, deba suministrar a la persona desplazada que lo requiera, informaci\u00f3n sobre sus derechos y c\u00f3mo ponerlos en marcha, en forma clara, precisa y oportuna. Teniendo en cuenta que el grupo que lo requiere es el m\u00e1s vulnerable, ya que se encuentra, en la generalidad de los casos, en una ciudad extra\u00f1a, lo que hace m\u00e1s dif\u00edcil para ellas conocer y acceder a ...<br \/><div class=\"pt-cv-rmwrap\"><a href=\"https:\/\/www.dmsjuridica.com\/buscador_20179478954\/corteconstitucionalcronologico202454587\/t-645-03\/\" class=\"_self pt-cv-readmore btn btn-success\" target=\"_self\">Ver Sentencia Completa...<\/a><\/div><\/div><\/div><\/div>\n<div class=\"col-md-12 col-sm-12 col-xs-12 pt-cv-content-item pt-cv-1-col\" ><div class='pt-cv-ifield'><a href=\"https:\/\/www.dmsjuridica.com\/buscador_20179478954\/corteconstitucionalcronologico202454587\/t-644-03\/\" class=\"_self pt-cv-href-thumbnail pt-cv-thumb-default\" target=\"_self\" ><\/a>\n<div class=\"pt-cv-taxoterm above_title\"><a href='https:\/\/www.dmsjuridica.com\/buscador_20179478954\/corteconstitucionalcronologico202454587\/category\/buscar-en-toda-la-corte\/2003\/tutelas-2003\/' title='Tutelas 2003' class='pt-cv-tax-tutelas-2003'>Tutelas 2003<\/a><\/div>\n<h4 class=\"pt-cv-title\"><a href=\"https:\/\/www.dmsjuridica.com\/buscador_20179478954\/corteconstitucionalcronologico202454587\/t-644-03\/\" class=\"_self\" target=\"_self\" >T-644-03<\/a><\/h4>\n<div class=\"pt-cv-content\">\u00a0 \u00a0 Sentencia T-644\/03 \u00a0 ACCION DE TUTELA-Presunci\u00f3n de veracidad \u00a0 El art\u00edculo 20 del Decreto-ley 2591 de 1991, por medio del cual se reglament\u00f3 la acci\u00f3n de tutela, consagr\u00f3 la presunci\u00f3n de veracidad como un instrumento para sancionar el desinter\u00e9s o negligencia de la autoridad p\u00fablica o el particular contra quien se ha interpuesto la solicitud de amparo, en aquellos eventos en los que el juez de la acci\u00f3n requiere informaciones (Art. 19 \u00eddem) y \u00e9stas autoridades no las rinden dentro del plazo respectivo, logrando de esa manera que el tr\u00e1mite constitucional siga su curso. La consecuencia jur\u00eddica de ...<br \/><div class=\"pt-cv-rmwrap\"><a href=\"https:\/\/www.dmsjuridica.com\/buscador_20179478954\/corteconstitucionalcronologico202454587\/t-644-03\/\" class=\"_self pt-cv-readmore btn btn-success\" target=\"_self\">Ver Sentencia Completa...<\/a><\/div><\/div><\/div><\/div>\n<div class=\"col-md-12 col-sm-12 col-xs-12 pt-cv-content-item pt-cv-1-col\" ><div class='pt-cv-ifield'><a href=\"https:\/\/www.dmsjuridica.com\/buscador_20179478954\/corteconstitucionalcronologico202454587\/t-643-03\/\" class=\"_self pt-cv-href-thumbnail pt-cv-thumb-default\" target=\"_self\" ><\/a>\n<div class=\"pt-cv-taxoterm above_title\"><a href='https:\/\/www.dmsjuridica.com\/buscador_20179478954\/corteconstitucionalcronologico202454587\/category\/buscar-en-toda-la-corte\/2003\/tutelas-2003\/' title='Tutelas 2003' class='pt-cv-tax-tutelas-2003'>Tutelas 2003<\/a><\/div>\n<h4 class=\"pt-cv-title\"><a href=\"https:\/\/www.dmsjuridica.com\/buscador_20179478954\/corteconstitucionalcronologico202454587\/t-643-03\/\" class=\"_self\" target=\"_self\" >T-643-03<\/a><\/h4>\n<div class=\"pt-cv-content\">\u00a0 \u00a0 Sentencia T-643\/03 \u00a0 Es contrario a la Constituci\u00f3n, al orden social justo y a la dignidad humana, que el Estado a trav\u00e9s de las Direcciones de Sanidad de las Fuerzas Militares y de Polic\u00eda, se nieguen a prestarle los servicios m\u00e9dicos, quir\u00fargicos, hospitalarios y farmac\u00e9uticos a quienes al ingresar a prestar sus servicios, ostentaban unas \u00f3ptimas condiciones de salud y al momento de su retiro, resultan con lesiones ocasionadas por causa y raz\u00f3n de la prestaci\u00f3n de dicho servicio. \u00a0 DERECHO A LA SALUD DE AGENTE DE LA POLICIA RETIRADO-Protecci\u00f3n por autoridades militares\/DERECHO A LA SALUD DE AGENTE ...<br \/><div class=\"pt-cv-rmwrap\"><a href=\"https:\/\/www.dmsjuridica.com\/buscador_20179478954\/corteconstitucionalcronologico202454587\/t-643-03\/\" class=\"_self pt-cv-readmore btn btn-success\" target=\"_self\">Ver Sentencia Completa...<\/a><\/div><\/div><\/div><\/div>\n<div class=\"col-md-12 col-sm-12 col-xs-12 pt-cv-content-item pt-cv-1-col\" ><div class='pt-cv-ifield'><a href=\"https:\/\/www.dmsjuridica.com\/buscador_20179478954\/corteconstitucionalcronologico202454587\/t-642-03\/\" class=\"_self pt-cv-href-thumbnail pt-cv-thumb-default\" target=\"_self\" ><\/a>\n<div class=\"pt-cv-taxoterm above_title\"><a href='https:\/\/www.dmsjuridica.com\/buscador_20179478954\/corteconstitucionalcronologico202454587\/category\/buscar-en-toda-la-corte\/2003\/tutelas-2003\/' title='Tutelas 2003' class='pt-cv-tax-tutelas-2003'>Tutelas 2003<\/a><\/div>\n<h4 class=\"pt-cv-title\"><a href=\"https:\/\/www.dmsjuridica.com\/buscador_20179478954\/corteconstitucionalcronologico202454587\/t-642-03\/\" class=\"_self\" target=\"_self\" >T-642-03<\/a><\/h4>\n<div class=\"pt-cv-content\">\u00a0 \u00a0 Sentencia T-642\/03 \u00a0 DERECHO DE PETICION ANTE EL SEGURO SOCIAL-Vulneraci\u00f3n por no resolver oportunamente y por omitir notificaci\u00f3n \u00a0 Referencia: expediente T-693093 \u00a0 Accionantes: Campo El\u00edas Ria\u00f1o \u00a0 Accionado: Instituto de Seguro Social \u00a0 Magistrado Ponente:\u00a0 \u00a0 Dr. RODRIGO ESCOBAR GIL \u00a0 Bogot\u00e1, D.C., primero (1) de agosto de dos mil tres (2003). \u00a0 La Sala Quinta de Revisi\u00f3n de la Corte Constitucional, integrada por los Magistrados Rodrigo Escobar Gil - Presidente -, Marco Gerardo Monroy Cabra y Eduardo Montealegre Lynett, en ejercicio de sus competencias constitucionales y legales, ha pronunciado la siguiente \u00a0 SENTENCIA \u00a0 en el ...<br \/><div class=\"pt-cv-rmwrap\"><a href=\"https:\/\/www.dmsjuridica.com\/buscador_20179478954\/corteconstitucionalcronologico202454587\/t-642-03\/\" class=\"_self pt-cv-readmore btn btn-success\" target=\"_self\">Ver Sentencia Completa...<\/a><\/div><\/div><\/div><\/div>\n<div class=\"col-md-12 col-sm-12 col-xs-12 pt-cv-content-item pt-cv-1-col\" ><div class='pt-cv-ifield'><a href=\"https:\/\/www.dmsjuridica.com\/buscador_20179478954\/corteconstitucionalcronologico202454587\/t-641-03\/\" class=\"_self pt-cv-href-thumbnail pt-cv-thumb-default\" target=\"_self\" ><\/a>\n<div class=\"pt-cv-taxoterm above_title\"><a href='https:\/\/www.dmsjuridica.com\/buscador_20179478954\/corteconstitucionalcronologico202454587\/category\/buscar-en-toda-la-corte\/2003\/tutelas-2003\/' title='Tutelas 2003' class='pt-cv-tax-tutelas-2003'>Tutelas 2003<\/a><\/div>\n<h4 class=\"pt-cv-title\"><a href=\"https:\/\/www.dmsjuridica.com\/buscador_20179478954\/corteconstitucionalcronologico202454587\/t-641-03\/\" class=\"_self\" target=\"_self\" >T-641-03<\/a><\/h4>\n<div class=\"pt-cv-content\">\u00a0 \u00a0 Sentencia T-641\/03 \u00a0 AGENCIA OFICIOSA EN TUTELA-Madre en representaci\u00f3n de hijo mayor de edad \u00a0 AGENCIA OFICIOSA EN TUTELA-Hijo mayor de edad avala el inter\u00e9s en la presentaci\u00f3n de la acci\u00f3n \u00a0 DERECHO A LA SALUD-Suministro de medicamento para la diabetes \u00a0 Reiteraci\u00f3n de jurisprudencia \u00a0 Referencia: expediente T-727350 \u00a0 Magistrada Ponente: \u00a0 Dra. CLARA IN\u00c9S VARGAS HERN\u00c1NDEZ \u00a0 Bogot\u00e1 D.C., primero (1) de agosto de dos mil tres (2003). \u00a0 La Sala Novena de Revisi\u00f3n de Tutelas de la Corte Constitucional, conformada por los Magistrados CLARA IN\u00c9S VARGAS HERN\u00c1NDEZ, JAIME ARA\u00daJO RENTER\u00cdA y ALFREDO BELTR\u00c1N SIERRA, en ...<br \/><div class=\"pt-cv-rmwrap\"><a href=\"https:\/\/www.dmsjuridica.com\/buscador_20179478954\/corteconstitucionalcronologico202454587\/t-641-03\/\" class=\"_self pt-cv-readmore btn btn-success\" target=\"_self\">Ver Sentencia Completa...<\/a><\/div><\/div><\/div><\/div>\n<div class=\"col-md-12 col-sm-12 col-xs-12 pt-cv-content-item pt-cv-1-col\" ><div class='pt-cv-ifield'><a href=\"https:\/\/www.dmsjuridica.com\/buscador_20179478954\/corteconstitucionalcronologico202454587\/t-640-03\/\" class=\"_self pt-cv-href-thumbnail pt-cv-thumb-default\" target=\"_self\" ><\/a>\n<div class=\"pt-cv-taxoterm above_title\"><a href='https:\/\/www.dmsjuridica.com\/buscador_20179478954\/corteconstitucionalcronologico202454587\/category\/buscar-en-toda-la-corte\/2003\/tutelas-2003\/' title='Tutelas 2003' class='pt-cv-tax-tutelas-2003'>Tutelas 2003<\/a><\/div>\n<h4 class=\"pt-cv-title\"><a href=\"https:\/\/www.dmsjuridica.com\/buscador_20179478954\/corteconstitucionalcronologico202454587\/t-640-03\/\" class=\"_self\" target=\"_self\" >T-640-03<\/a><\/h4>\n<div class=\"pt-cv-content\">\u00a0 \u00a0 Sentencia T-640\/03 \u00a0 La Sala considera que el peticionario no contaba con otras v\u00edas judiciales para acceder al expediente, ante lo cual la acci\u00f3n de tutela era el camino id\u00f3neo para remediar una posible vulneraci\u00f3n de los derechos invocados. \u00a0En efecto, la determinaci\u00f3n del Juzgado 1 Civil del Circuito de Palmira no pod\u00eda ser cuestionada dentro del proceso ejecutivo, porque precisamente se buscaba informarse plenamente del mismo, ni por otra v\u00eda judicial, pues por tratarse de una conducta de facto no proced\u00eda ning\u00fan tipo de recursos. En consecuencia, el accionante se encontraba desprovisto de herramientas que le permitieran ...<br \/><div class=\"pt-cv-rmwrap\"><a href=\"https:\/\/www.dmsjuridica.com\/buscador_20179478954\/corteconstitucionalcronologico202454587\/t-640-03\/\" class=\"_self pt-cv-readmore btn btn-success\" target=\"_self\">Ver Sentencia Completa...<\/a><\/div><\/div><\/div><\/div>\n<div class=\"col-md-12 col-sm-12 col-xs-12 pt-cv-content-item pt-cv-1-col\" ><div class='pt-cv-ifield'><a href=\"https:\/\/www.dmsjuridica.com\/buscador_20179478954\/corteconstitucionalcronologico202454587\/t-639-03\/\" class=\"_self pt-cv-href-thumbnail pt-cv-thumb-default\" target=\"_self\" ><\/a>\n<div class=\"pt-cv-taxoterm above_title\"><a href='https:\/\/www.dmsjuridica.com\/buscador_20179478954\/corteconstitucionalcronologico202454587\/category\/buscar-en-toda-la-corte\/2003\/tutelas-2003\/' title='Tutelas 2003' class='pt-cv-tax-tutelas-2003'>Tutelas 2003<\/a><\/div>\n<h4 class=\"pt-cv-title\"><a href=\"https:\/\/www.dmsjuridica.com\/buscador_20179478954\/corteconstitucionalcronologico202454587\/t-639-03\/\" class=\"_self\" target=\"_self\" >T-639-03<\/a><\/h4>\n<div class=\"pt-cv-content\">\u00a0 \u00a0 Sentencia T-639\/03 \u00a0 ACCION DE TUTELA CONTRA PROVIDENCIAS JUDICIALES-Procedencia excepcional por v\u00eda de hecho judicial \u00a0 Contra las decisiones arbitrarias y caprichosas de los funcionarios judiciales que sin fundamento objetivo y razonable contradigan los par\u00e1metros constitucionales con la consecuente vulneraci\u00f3n de derechos fundamentales, se podr\u00e1 formular el amparo de tutela con la debida demostraci\u00f3n del yerro en el que se incurri\u00f3 en la providencia judicial. \u00a0A la Corte le corresponder\u00e1 verificar la existencia del vicio alegado por el accionante, sin que por ello se d\u00e9 lugar a una intromisi\u00f3n arbitraria en la esfera de competencia del juez de ...<br \/><div class=\"pt-cv-rmwrap\"><a href=\"https:\/\/www.dmsjuridica.com\/buscador_20179478954\/corteconstitucionalcronologico202454587\/t-639-03\/\" class=\"_self pt-cv-readmore btn btn-success\" target=\"_self\">Ver Sentencia Completa...<\/a><\/div><\/div><\/div><\/div>\n<div class=\"col-md-12 col-sm-12 col-xs-12 pt-cv-content-item pt-cv-1-col\" ><div class='pt-cv-ifield'><a href=\"https:\/\/www.dmsjuridica.com\/buscador_20179478954\/corteconstitucionalcronologico202454587\/t-638-03\/\" class=\"_self pt-cv-href-thumbnail pt-cv-thumb-default\" target=\"_self\" ><\/a>\n<div class=\"pt-cv-taxoterm above_title\"><a href='https:\/\/www.dmsjuridica.com\/buscador_20179478954\/corteconstitucionalcronologico202454587\/category\/buscar-en-toda-la-corte\/2003\/tutelas-2003\/' title='Tutelas 2003' class='pt-cv-tax-tutelas-2003'>Tutelas 2003<\/a><\/div>\n<h4 class=\"pt-cv-title\"><a href=\"https:\/\/www.dmsjuridica.com\/buscador_20179478954\/corteconstitucionalcronologico202454587\/t-638-03\/\" class=\"_self\" target=\"_self\" >T-638-03<\/a><\/h4>\n<div class=\"pt-cv-content\">\u00a0 \u00a0 Sentencia T-638\/03 \u00a0 DERECHO A LA SALUD DEL INTERNO-Preservaci\u00f3n por el Estado \u00a0 DERECHO A LA SALUD DEL INTERNO-Atenci\u00f3n m\u00e9dica adecuada, digna y oportuna \u00a0 TRASLADO DE INTERNO-Corresponde al director del Inpec \u00a0 DERECHO A LA SALUD DEL INTERNO-Concepto del m\u00e9dico de \u00a0la penitenciar\u00eda no amerita traslado de enfermo de asma \u00a0 En el presente caso, podr\u00eda arg\u00fcirse la necesidad de garantizar el derecho a la salud del demandante para disponer el traslado del actor de la Penitenciar\u00eda a un centro de reclusi\u00f3n establecido en un clima m\u00e1s favorable, pues el interno atribuye al clima fr\u00edo de esa ...<br \/><div class=\"pt-cv-rmwrap\"><a href=\"https:\/\/www.dmsjuridica.com\/buscador_20179478954\/corteconstitucionalcronologico202454587\/t-638-03\/\" class=\"_self pt-cv-readmore btn btn-success\" target=\"_self\">Ver Sentencia Completa...<\/a><\/div><\/div><\/div><\/div>\n<div class=\"col-md-12 col-sm-12 col-xs-12 pt-cv-content-item pt-cv-1-col\" ><div class='pt-cv-ifield'><a href=\"https:\/\/www.dmsjuridica.com\/buscador_20179478954\/corteconstitucionalcronologico202454587\/t-637-03\/\" class=\"_self pt-cv-href-thumbnail pt-cv-thumb-default\" target=\"_self\" ><\/a>\n<div class=\"pt-cv-taxoterm above_title\"><a href='https:\/\/www.dmsjuridica.com\/buscador_20179478954\/corteconstitucionalcronologico202454587\/category\/buscar-en-toda-la-corte\/2003\/tutelas-2003\/' title='Tutelas 2003' class='pt-cv-tax-tutelas-2003'>Tutelas 2003<\/a><\/div>\n<h4 class=\"pt-cv-title\"><a href=\"https:\/\/www.dmsjuridica.com\/buscador_20179478954\/corteconstitucionalcronologico202454587\/t-637-03\/\" class=\"_self\" target=\"_self\" >T-637-03<\/a><\/h4>\n<div class=\"pt-cv-content\">\u00a0 \u00a0 Sentencia T-637\/03 \u00a0 FALTAS ABSOLUTAS DE CONCEJAL-Situaciones \u00a0 INHABILIDADES-Alcance debe ser interpretado restrictivamente\u00a0 \u00a0 INHABILIDADES DE CONCEJAL-Parentesco entre el principal y un miembro de la comisi\u00f3n escrutadora \u00a0 ACCION ELECTORAL-Naturaleza y alcance \u00a0 ACCION ELECTORAL-Nulidad\/ACCION ELECTORAL-Nulidad de elecci\u00f3n de un concejal principal no afecta a los suplentes \u00a0 REGISTRADURIA NACIONAL DEL ESTADO CIVIL-Facultad para publicar el n\u00famero de concejales que puede elegir cada municipio \u00a0 Reconoce la facultad legal que tiene la Registradur\u00eda Nacional del Estado Civil para \u201cla \u00a0determinaci\u00f3n y publicaci\u00f3n oportuna del n\u00famero de concejales que puede elegir cada municipio.\u201d - Ley 136 de 1994, art ...<br \/><div class=\"pt-cv-rmwrap\"><a href=\"https:\/\/www.dmsjuridica.com\/buscador_20179478954\/corteconstitucionalcronologico202454587\/t-637-03\/\" class=\"_self pt-cv-readmore btn btn-success\" target=\"_self\">Ver Sentencia Completa...<\/a><\/div><\/div><\/div><\/div>\n<div class=\"col-md-12 col-sm-12 col-xs-12 pt-cv-content-item pt-cv-1-col\" ><div class='pt-cv-ifield'><a href=\"https:\/\/www.dmsjuridica.com\/buscador_20179478954\/corteconstitucionalcronologico202454587\/t-635-03\/\" class=\"_self pt-cv-href-thumbnail pt-cv-thumb-default\" target=\"_self\" ><\/a>\n<div class=\"pt-cv-taxoterm above_title\"><a href='https:\/\/www.dmsjuridica.com\/buscador_20179478954\/corteconstitucionalcronologico202454587\/category\/buscar-en-toda-la-corte\/2003\/tutelas-2003\/' title='Tutelas 2003' class='pt-cv-tax-tutelas-2003'>Tutelas 2003<\/a><\/div>\n<h4 class=\"pt-cv-title\"><a href=\"https:\/\/www.dmsjuridica.com\/buscador_20179478954\/corteconstitucionalcronologico202454587\/t-635-03\/\" class=\"_self\" target=\"_self\" >T-635-03<\/a><\/h4>\n<div class=\"pt-cv-content\">\u00a0 \u00a0 Sentencia T-635\/03 \u00a0 ENFERMO DE SIDA-No discriminaci\u00f3n \u00a0 DERECHO A LA IGUALDAD-Discriminaci\u00f3n del actor en raz\u00f3n a su enfermedad\u00a0 \u00a0 DERECHO A LA IGUALDAD-Alcance\/DERECHO A LA IGUALDAD-Padecer de una enfermedad no es objeto de discriminaci\u00f3n\u00a0 \u00a0 La igualdad parte del supuesto de que todas las personas son iguales ante la ley, reciben la misma protecci\u00f3n y trato de las autoridades y gozan de los mismos derechos, oportunidades y libertades. Lo que quiere decir, que el actor es una persona como cualquier otra, que padezca de un enfermedad no la diferencia de las dem\u00e1s y el par\u00e1metro de comparaci\u00f3n ...<br \/><div class=\"pt-cv-rmwrap\"><a href=\"https:\/\/www.dmsjuridica.com\/buscador_20179478954\/corteconstitucionalcronologico202454587\/t-635-03\/\" class=\"_self pt-cv-readmore btn btn-success\" target=\"_self\">Ver Sentencia Completa...<\/a><\/div><\/div><\/div><\/div>\n<div class=\"col-md-12 col-sm-12 col-xs-12 pt-cv-content-item pt-cv-1-col\" ><div class='pt-cv-ifield'><a href=\"https:\/\/www.dmsjuridica.com\/buscador_20179478954\/corteconstitucionalcronologico202454587\/t-634-03\/\" class=\"_self pt-cv-href-thumbnail pt-cv-thumb-default\" target=\"_self\" ><\/a>\n<div class=\"pt-cv-taxoterm above_title\"><a href='https:\/\/www.dmsjuridica.com\/buscador_20179478954\/corteconstitucionalcronologico202454587\/category\/buscar-en-toda-la-corte\/2003\/tutelas-2003\/' title='Tutelas 2003' class='pt-cv-tax-tutelas-2003'>Tutelas 2003<\/a><\/div>\n<h4 class=\"pt-cv-title\"><a href=\"https:\/\/www.dmsjuridica.com\/buscador_20179478954\/corteconstitucionalcronologico202454587\/t-634-03\/\" class=\"_self\" target=\"_self\" >T-634-03<\/a><\/h4>\n<div class=\"pt-cv-content\">\u00a0 \u00a0 Sentencia T-634\/03 \u00a0 AUTONOMIA UNIVERSITARIA-Definici\u00f3n \u00a0 REGLAMENTO ESTUDIANTIL-Expresi\u00f3n de la autonom\u00eda universitaria\/REGLAMENTO ESTUDIANTIL-Enfoques\u00a0 \u00a0 Desde la perspectiva del juez de tutela, el reglamento estudiantil es al mismo tiempo expresi\u00f3n de la autonom\u00eda universitaria, y gu\u00eda para resolver los conflictos sobre derechos fundamentales que puedan llegar a presentarse en el \u00e1mbito universitario: educaci\u00f3n, debido proceso, igualdad, libertad de expresi\u00f3n, libertad de c\u00e1tedra, etc. La Corte ha desarrollado al menos tres enfoques interpretativos respecto del reglamento estudiantil de los entes de educaci\u00f3n superior. Estos enfoques se presentan desde la perspectiva del derecho a la educaci\u00f3n, desde la perspectiva del derecho ...<br \/><div class=\"pt-cv-rmwrap\"><a href=\"https:\/\/www.dmsjuridica.com\/buscador_20179478954\/corteconstitucionalcronologico202454587\/t-634-03\/\" class=\"_self pt-cv-readmore btn btn-success\" target=\"_self\">Ver Sentencia Completa...<\/a><\/div><\/div><\/div><\/div>\n<div class=\"col-md-12 col-sm-12 col-xs-12 pt-cv-content-item pt-cv-1-col\" ><div class='pt-cv-ifield'><a href=\"https:\/\/www.dmsjuridica.com\/buscador_20179478954\/corteconstitucionalcronologico202454587\/t-633-03\/\" class=\"_self pt-cv-href-thumbnail pt-cv-thumb-default\" target=\"_self\" ><\/a>\n<div class=\"pt-cv-taxoterm above_title\"><a href='https:\/\/www.dmsjuridica.com\/buscador_20179478954\/corteconstitucionalcronologico202454587\/category\/buscar-en-toda-la-corte\/2003\/tutelas-2003\/' title='Tutelas 2003' class='pt-cv-tax-tutelas-2003'>Tutelas 2003<\/a><\/div>\n<h4 class=\"pt-cv-title\"><a href=\"https:\/\/www.dmsjuridica.com\/buscador_20179478954\/corteconstitucionalcronologico202454587\/t-633-03\/\" class=\"_self\" target=\"_self\" >T-633-03<\/a><\/h4>\n<div class=\"pt-cv-content\">\u00a0 \u00a0 Sentencia T-633\/03 \u00a0 ACCION DE TUTELA CONTRA PARTICULARES-Procedencia excepcional\/ACCION DE TUTELA CONTRA ADMINISTRACION DE CONJUNTO RESIDENCIAL-Procedencia \u00a0 PROCESO VERBAL SUMARIO-Controversia entre copropietarios \u00a0 ASAMBLEA DE COPROPIETARIOS-Mecanismos para solucionar extrajudicialmente los conflictos entre comuneros \u00a0 DERECHOS FUNDAMENTALES-No se vulneran por impedir ingreso de deudores morosos a la asamblea de copropietarios\/ACCION DE TUTELA-Improcedencia para controvertir decisiones sobre prohibici\u00f3n de ingreso de morosos a la asamblea de copropietarios \u00a0 El impedir el ingreso de los deudores morosos a las asambleas de propietarios, como es el caso que se estudia, no constituyen medidas que vulneren los derechos fundamentales de los residentes y, ...<br \/><div class=\"pt-cv-rmwrap\"><a href=\"https:\/\/www.dmsjuridica.com\/buscador_20179478954\/corteconstitucionalcronologico202454587\/t-633-03\/\" class=\"_self pt-cv-readmore btn btn-success\" target=\"_self\">Ver Sentencia Completa...<\/a><\/div><\/div><\/div><\/div>\n<div class=\"col-md-12 col-sm-12 col-xs-12 pt-cv-content-item pt-cv-1-col\" ><div class='pt-cv-ifield'><a href=\"https:\/\/www.dmsjuridica.com\/buscador_20179478954\/corteconstitucionalcronologico202454587\/t-632-03\/\" class=\"_self pt-cv-href-thumbnail pt-cv-thumb-default\" target=\"_self\" ><\/a>\n<div class=\"pt-cv-taxoterm above_title\"><a href='https:\/\/www.dmsjuridica.com\/buscador_20179478954\/corteconstitucionalcronologico202454587\/category\/buscar-en-toda-la-corte\/2003\/tutelas-2003\/' title='Tutelas 2003' class='pt-cv-tax-tutelas-2003'>Tutelas 2003<\/a><\/div>\n<h4 class=\"pt-cv-title\"><a href=\"https:\/\/www.dmsjuridica.com\/buscador_20179478954\/corteconstitucionalcronologico202454587\/t-632-03\/\" class=\"_self\" target=\"_self\" >T-632-03<\/a><\/h4>\n<div class=\"pt-cv-content\">\u00a0 \u00a0 Sentencia T-632\/03 \u00a0 ACUERDOS DE REESTRUCTURACION DE ENTIDADES TERRITORIALES\u00a0 \u00a0 DERECHO AL MINIMO VITAL-Car\u00e1cter individual \u00a0 EMPLEADOR-Situaci\u00f3n econ\u00f3mica o presupuestal no es \u00f3bice para desconocer pago de salarios\u00a0 \u00a0 ALCALDIA MUNICIPAL-Transferencias a la personer\u00eda para pago de salarios y seguridad social\/PROCESO DE REESTRUCTURACION DE ENTIDADES-Pago preferencial de acreencias laborales\u00a0 \u00a0 Esta Sala no desconoce lo sostenido por los demandados en el sentido de que, no es el municipio el ente empleador de la tutelante, pues \u00e9sta, como cabeza del ministerio p\u00fablico en el citado municipio, depende de la Personer\u00eda de este ente territorial, pero esta Sala tampoco puede ...<br \/><div class=\"pt-cv-rmwrap\"><a href=\"https:\/\/www.dmsjuridica.com\/buscador_20179478954\/corteconstitucionalcronologico202454587\/t-632-03\/\" class=\"_self pt-cv-readmore btn btn-success\" target=\"_self\">Ver Sentencia Completa...<\/a><\/div><\/div><\/div><\/div>\n<div class=\"col-md-12 col-sm-12 col-xs-12 pt-cv-content-item pt-cv-1-col\" ><div class='pt-cv-ifield'><a href=\"https:\/\/www.dmsjuridica.com\/buscador_20179478954\/corteconstitucionalcronologico202454587\/t-631-03\/\" class=\"_self pt-cv-href-thumbnail pt-cv-thumb-default\" target=\"_self\" ><\/a>\n<div class=\"pt-cv-taxoterm above_title\"><a href='https:\/\/www.dmsjuridica.com\/buscador_20179478954\/corteconstitucionalcronologico202454587\/category\/buscar-en-toda-la-corte\/2003\/tutelas-2003\/' title='Tutelas 2003' class='pt-cv-tax-tutelas-2003'>Tutelas 2003<\/a><\/div>\n<h4 class=\"pt-cv-title\"><a href=\"https:\/\/www.dmsjuridica.com\/buscador_20179478954\/corteconstitucionalcronologico202454587\/t-631-03\/\" class=\"_self\" target=\"_self\" >T-631-03<\/a><\/h4>\n<div class=\"pt-cv-content\">\u00a0 \u00a0 Sentencia T-631\/03 \u00a0 ACCION DE TUTELA-Cumplimiento de fallos judiciales para hacer efectivas obligaciones de hacer\u00a0 \u00a0 Que la acci\u00f3n es procedente cuando lo dispuesto en la sentencia cuyo cumplimiento se exige genera una obligaci\u00f3n de hacer, como la de reintegrar a un trabajador. En efecto, si se trata de una obligaci\u00f3n de hacer, la ejecuci\u00f3n de lo ordenado por el juez ordinario requiere de meros actos de tr\u00e1mite. La procedencia de la tutela cuando se trate de este tipo de obligaciones y no se hayan establecido recursos judiciales alternativos, se muestra entonces congruente con la exigencia constitucional de ...<br \/><div class=\"pt-cv-rmwrap\"><a href=\"https:\/\/www.dmsjuridica.com\/buscador_20179478954\/corteconstitucionalcronologico202454587\/t-631-03\/\" class=\"_self pt-cv-readmore btn btn-success\" target=\"_self\">Ver Sentencia Completa...<\/a><\/div><\/div><\/div><\/div>\n<div class=\"col-md-12 col-sm-12 col-xs-12 pt-cv-content-item pt-cv-1-col\" ><div class='pt-cv-ifield'><a href=\"https:\/\/www.dmsjuridica.com\/buscador_20179478954\/corteconstitucionalcronologico202454587\/t-618-03\/\" class=\"_self pt-cv-href-thumbnail pt-cv-thumb-default\" target=\"_self\" ><\/a>\n<div class=\"pt-cv-taxoterm above_title\"><a href='https:\/\/www.dmsjuridica.com\/buscador_20179478954\/corteconstitucionalcronologico202454587\/category\/buscar-en-toda-la-corte\/2003\/tutelas-2003\/' title='Tutelas 2003' class='pt-cv-tax-tutelas-2003'>Tutelas 2003<\/a><\/div>\n<h4 class=\"pt-cv-title\"><a href=\"https:\/\/www.dmsjuridica.com\/buscador_20179478954\/corteconstitucionalcronologico202454587\/t-618-03\/\" class=\"_self\" target=\"_self\" >T-618-03<\/a><\/h4>\n<div class=\"pt-cv-content\">\u00a0 \u00a0 Sentencia T-618\/03 \u00a0 DERECHO A LA SALUD Y A LA VIDA-Vulneraci\u00f3n por EPS al negar realizaci\u00f3n de procedimiento m\u00e9dico \u00a0 ACCION DE TUTELA-Hecho superado por realizarse el tratamiento \u00a0 Reiteraci\u00f3n de Jurisprudencia \u00a0 Referencia: expediente T-728443 \u00a0 Acci\u00f3n de tutela instaurada por Vianny Cecilia Ort\u00edz Londo\u00f1o contra SUSALUD E.P.S. \u00a0 Magistrado Ponente: \u00a0 Dr. RODRIGO ESCOBAR GIL \u00a0 Bogot\u00e1, D.C., veintiocho (28) de julio de dos mil tres (2003). \u00a0 La Sala Quinta de Revisi\u00f3n de la Corte Constitucional, en ejercicio de sus competencias constitucionales y legales, en particular las contenidas en los art\u00edculos 86 y 241, numeral ...<br \/><div class=\"pt-cv-rmwrap\"><a href=\"https:\/\/www.dmsjuridica.com\/buscador_20179478954\/corteconstitucionalcronologico202454587\/t-618-03\/\" class=\"_self pt-cv-readmore btn btn-success\" target=\"_self\">Ver Sentencia Completa...<\/a><\/div><\/div><\/div><\/div>\n<div class=\"col-md-12 col-sm-12 col-xs-12 pt-cv-content-item pt-cv-1-col\" ><div class='pt-cv-ifield'><a href=\"https:\/\/www.dmsjuridica.com\/buscador_20179478954\/corteconstitucionalcronologico202454587\/t-617-03\/\" class=\"_self pt-cv-href-thumbnail pt-cv-thumb-default\" target=\"_self\" ><\/a>\n<div class=\"pt-cv-taxoterm above_title\"><a href='https:\/\/www.dmsjuridica.com\/buscador_20179478954\/corteconstitucionalcronologico202454587\/category\/buscar-en-toda-la-corte\/2003\/tutelas-2003\/' title='Tutelas 2003' class='pt-cv-tax-tutelas-2003'>Tutelas 2003<\/a><\/div>\n<h4 class=\"pt-cv-title\"><a href=\"https:\/\/www.dmsjuridica.com\/buscador_20179478954\/corteconstitucionalcronologico202454587\/t-617-03\/\" class=\"_self\" target=\"_self\" >T-617-03<\/a><\/h4>\n<div class=\"pt-cv-content\">\u00a0 \u00a0 Sentencia T-617\/03 \u00a0 DERECHO A LA SALUD-Continuidad en la prestaci\u00f3n del servicio \u00a0 DERECHO A LA SALUD-Interrupci\u00f3n de tratamiento porque IPS no entreg\u00f3 historia cl\u00ednica\u00a0 \u00a0 En lo que s\u00ed ha faltado la I.P.S. MasSalud, es en permitir la continuidad en el servicio de salud del peticionario, quien ha visto interrumpido su tratamiento por que MasSalud mantiene en custodia la orden de cirug\u00eda que reposa en su \u00a0historia cl\u00ednica. Ello \u00a0ha impedido que el usuario cuente con la orden m\u00e9dica respectiva para hacerla convalidar por la nueva I.P.S. asignada por Cajanal, o por lo menos, pueda permitirle a ...<br \/><div class=\"pt-cv-rmwrap\"><a href=\"https:\/\/www.dmsjuridica.com\/buscador_20179478954\/corteconstitucionalcronologico202454587\/t-617-03\/\" class=\"_self pt-cv-readmore btn btn-success\" target=\"_self\">Ver Sentencia Completa...<\/a><\/div><\/div><\/div><\/div>\n<div class=\"col-md-12 col-sm-12 col-xs-12 pt-cv-content-item pt-cv-1-col\" ><div class='pt-cv-ifield'><a href=\"https:\/\/www.dmsjuridica.com\/buscador_20179478954\/corteconstitucionalcronologico202454587\/t-616-03\/\" class=\"_self pt-cv-href-thumbnail pt-cv-thumb-default\" target=\"_self\" ><\/a>\n<div class=\"pt-cv-taxoterm above_title\"><a href='https:\/\/www.dmsjuridica.com\/buscador_20179478954\/corteconstitucionalcronologico202454587\/category\/buscar-en-toda-la-corte\/2003\/tutelas-2003\/' title='Tutelas 2003' class='pt-cv-tax-tutelas-2003'>Tutelas 2003<\/a><\/div>\n<h4 class=\"pt-cv-title\"><a href=\"https:\/\/www.dmsjuridica.com\/buscador_20179478954\/corteconstitucionalcronologico202454587\/t-616-03\/\" class=\"_self\" target=\"_self\" >T-616-03<\/a><\/h4>\n<div class=\"pt-cv-content\">\u00a0 \u00a0 \u00a0\u00a0 \u00a0 \u00a0 \u00a0 \u00a0 \u00a0 \u00a0 \u00a0 \u00a0 \u00a0 \u00a0 \u00a0 \u00a0 \u00a0 \u00a0 \u00a0 \u00a0 \u00a0 \u00a0 \u00a0 \u00a0 \u00a0 \u00a0 \u00a0 \u00a0 \u00a0 \u00a0 \u00a0 \u00a0 \u00a0 \u00a0 \u00a0 \u00a0 \u00a0 \u00a0 \u00a0 \u00a0 \u00a0 \u00a0 \u00a0 \u00a0 \u00a0 \u00a0 \u00a0 \u00a0 \u00a0 \u00a0 \u00a0 \u00a0 \u00a0 \u00a0 \u00a0 \u00a0 \u00a0 \u00a0 \u00a0 \u00a0 \u00a0 \u00a0 \u00a0 \u00a0 \u00a0 \u00a0 \u00a0 \u00a0 \u00a0 \u00a0 \u00a0 \u00a0 \u00a0 \u00a0 \u00a0 \u00a0 \u00a0 \u00a0 \u00a0 \u00a0 \u00a0 \u00a0 \u00a0 \u00a0 \u00a0 \u00a0 \u00a0 \u00a0 \u00a0 \u00a0 \u00a0 \u00a0 \u00a0 \u00a0 \u00a0 \u00a0 \u00a0 \u00a0 \u00a0 \u00a0 \u00a0 ...<br \/><div class=\"pt-cv-rmwrap\"><a href=\"https:\/\/www.dmsjuridica.com\/buscador_20179478954\/corteconstitucionalcronologico202454587\/t-616-03\/\" class=\"_self pt-cv-readmore btn btn-success\" target=\"_self\">Ver Sentencia Completa...<\/a><\/div><\/div><\/div><\/div>\n<div class=\"col-md-12 col-sm-12 col-xs-12 pt-cv-content-item pt-cv-1-col\" ><div class='pt-cv-ifield'><a href=\"https:\/\/www.dmsjuridica.com\/buscador_20179478954\/corteconstitucionalcronologico202454587\/t-615-03\/\" class=\"_self pt-cv-href-thumbnail pt-cv-thumb-default\" target=\"_self\" ><\/a>\n<div class=\"pt-cv-taxoterm above_title\"><a href='https:\/\/www.dmsjuridica.com\/buscador_20179478954\/corteconstitucionalcronologico202454587\/category\/buscar-en-toda-la-corte\/2003\/tutelas-2003\/' title='Tutelas 2003' class='pt-cv-tax-tutelas-2003'>Tutelas 2003<\/a><\/div>\n<h4 class=\"pt-cv-title\"><a href=\"https:\/\/www.dmsjuridica.com\/buscador_20179478954\/corteconstitucionalcronologico202454587\/t-615-03\/\" class=\"_self\" target=\"_self\" >T-615-03<\/a><\/h4>\n<div class=\"pt-cv-content\">\u00a0 \u00a0 Sentencia T-615\/03 \u00a0 SEGURIDAD SOCIAL EN SALUD-Alcance \u00a0 PLAN OBLIGATORIO DE SALUD-Alcance \u00a0 REGIMEN SUBSIDIADO DE SEGURIDAD SOCIAL EN SALUD-Alcance \u00a0 DERECHO A LA SALUD Y SEGURIDAD SOCIAL-Presupuestos a cumplir para que se consideren fundamentales \u00a0 Para que los derechos a la seguridad social o a la salud se consideren como derechos fundamentales, es necesario que cumplan los presupuestos destacados por la jurisprudencia de la Corte: \"primero, que opere en conexi\u00f3n con otro derecho fundamental; segundo, entendida como la asistencia p\u00fablica que debe prestarse ante una calamidad que requiera, de manera \u00a0grave e inminente la vida humana o ...<br \/><div class=\"pt-cv-rmwrap\"><a href=\"https:\/\/www.dmsjuridica.com\/buscador_20179478954\/corteconstitucionalcronologico202454587\/t-615-03\/\" class=\"_self pt-cv-readmore btn btn-success\" target=\"_self\">Ver Sentencia Completa...<\/a><\/div><\/div><\/div><\/div>\n<div class=\"col-md-12 col-sm-12 col-xs-12 pt-cv-content-item pt-cv-1-col\" ><div class='pt-cv-ifield'><a href=\"https:\/\/www.dmsjuridica.com\/buscador_20179478954\/corteconstitucionalcronologico202454587\/t-614-03\/\" class=\"_self pt-cv-href-thumbnail pt-cv-thumb-default\" target=\"_self\" ><\/a>\n<div class=\"pt-cv-taxoterm above_title\"><a href='https:\/\/www.dmsjuridica.com\/buscador_20179478954\/corteconstitucionalcronologico202454587\/category\/buscar-en-toda-la-corte\/2003\/tutelas-2003\/' title='Tutelas 2003' class='pt-cv-tax-tutelas-2003'>Tutelas 2003<\/a><\/div>\n<h4 class=\"pt-cv-title\"><a href=\"https:\/\/www.dmsjuridica.com\/buscador_20179478954\/corteconstitucionalcronologico202454587\/t-614-03\/\" class=\"_self\" target=\"_self\" >T-614-03<\/a><\/h4>\n<div class=\"pt-cv-content\">\u00a0 \u00a0 Sentencia T-614\/03 \u00a0 DERECHO A LA SALUD DEL NI\u00d1O \u00a0 DERECHO A LA SALUD-Continuidad en la prestaci\u00f3n del servicio \u00a0 DERECHO A LA VIDA DEL MENOR \u2013Dilaci\u00f3n injustificada en atender dolencia cardiaca por EPS \u00a0 DERECHO A LA SALUD-Atenci\u00f3n oportuna como caracter\u00edstica del servicio prestado por la EPS \u00a0 ENTIDAD PROMOTORA DE SALUD-Libertad para contratar con otras entidades\u00a0 \u00a0 ENTIDAD PROMOTORA DE SALUD-Orden del tratamiento de menor debe llevarse a cabo sin dilaciones injustificadas \u00a0 Reiteraci\u00f3n de Jurisprudencia \u00a0 Referencia: expediente T-722844 \u00a0 Acci\u00f3n de tutela instaurada por Jos\u00e9 Ignacio Benavides Trejo como agente oficioso de la menor ...<br \/><div class=\"pt-cv-rmwrap\"><a href=\"https:\/\/www.dmsjuridica.com\/buscador_20179478954\/corteconstitucionalcronologico202454587\/t-614-03\/\" class=\"_self pt-cv-readmore btn btn-success\" target=\"_self\">Ver Sentencia Completa...<\/a><\/div><\/div><\/div><\/div>\n<div class=\"col-md-12 col-sm-12 col-xs-12 pt-cv-content-item pt-cv-1-col\" ><div class='pt-cv-ifield'><a href=\"https:\/\/www.dmsjuridica.com\/buscador_20179478954\/corteconstitucionalcronologico202454587\/t-613-03\/\" class=\"_self pt-cv-href-thumbnail pt-cv-thumb-default\" target=\"_self\" ><\/a>\n<div class=\"pt-cv-taxoterm above_title\"><a href='https:\/\/www.dmsjuridica.com\/buscador_20179478954\/corteconstitucionalcronologico202454587\/category\/buscar-en-toda-la-corte\/2003\/tutelas-2003\/' title='Tutelas 2003' class='pt-cv-tax-tutelas-2003'>Tutelas 2003<\/a><\/div>\n<h4 class=\"pt-cv-title\"><a href=\"https:\/\/www.dmsjuridica.com\/buscador_20179478954\/corteconstitucionalcronologico202454587\/t-613-03\/\" class=\"_self\" target=\"_self\" >T-613-03<\/a><\/h4>\n<div class=\"pt-cv-content\">\u00a0 \u00a0 \u00a0\u00a0 \u00a0 \u00a0 \u00a0 \u00a0 \u00a0 \u00a0 \u00a0 \u00a0 \u00a0 \u00a0 \u00a0 \u00a0 \u00a0 \u00a0 \u00a0 \u00a0 \u00a0 \u00a0 \u00a0 \u00a0 \u00a0 \u00a0 \u00a0 \u00a0 \u00a0 \u00a0 \u00a0 \u00a0 \u00a0 \u00a0 \u00a0 \u00a0 \u00a0 \u00a0 \u00a0 \u00a0 \u00a0 \u00a0 \u00a0 \u00a0 \u00a0 \u00a0 \u00a0 \u00a0 \u00a0 \u00a0 \u00a0 \u00a0 \u00a0 \u00a0 \u00a0 \u00a0 \u00a0 \u00a0 \u00a0 \u00a0 \u00a0 \u00a0 \u00a0 \u00a0 \u00a0 \u00a0 \u00a0 \u00a0 \u00a0 \u00a0 \u00a0 \u00a0 \u00a0 \u00a0 \u00a0 \u00a0 \u00a0 \u00a0 \u00a0 \u00a0 \u00a0 \u00a0 \u00a0 \u00a0 \u00a0 \u00a0 \u00a0 \u00a0 \u00a0 \u00a0 \u00a0 \u00a0 \u00a0 \u00a0 \u00a0 \u00a0 \u00a0 \u00a0 \u00a0 \u00a0 \u00a0 ...<br \/><div class=\"pt-cv-rmwrap\"><a href=\"https:\/\/www.dmsjuridica.com\/buscador_20179478954\/corteconstitucionalcronologico202454587\/t-613-03\/\" class=\"_self pt-cv-readmore btn btn-success\" target=\"_self\">Ver Sentencia Completa...<\/a><\/div><\/div><\/div><\/div>\n<div class=\"col-md-12 col-sm-12 col-xs-12 pt-cv-content-item pt-cv-1-col\" ><div class='pt-cv-ifield'><a href=\"https:\/\/www.dmsjuridica.com\/buscador_20179478954\/corteconstitucionalcronologico202454587\/t-612-03\/\" class=\"_self pt-cv-href-thumbnail pt-cv-thumb-default\" target=\"_self\" ><\/a>\n<div class=\"pt-cv-taxoterm above_title\"><a href='https:\/\/www.dmsjuridica.com\/buscador_20179478954\/corteconstitucionalcronologico202454587\/category\/buscar-en-toda-la-corte\/2003\/tutelas-2003\/' title='Tutelas 2003' class='pt-cv-tax-tutelas-2003'>Tutelas 2003<\/a><\/div>\n<h4 class=\"pt-cv-title\"><a href=\"https:\/\/www.dmsjuridica.com\/buscador_20179478954\/corteconstitucionalcronologico202454587\/t-612-03\/\" class=\"_self\" target=\"_self\" >T-612-03<\/a><\/h4>\n<div class=\"pt-cv-content\">\u00a0 \u00a0 \u00a0\u00a0 Sentencia T-612\/03 \u00a0 EXTRADICION-Tr\u00e1mite \u00a0 DEBIDO PROCESO-Decisiones deben ser en plazo razonable \u00a0 DEBIDO PROCESO-Casos en que la demora es justificada en las decisiones \u00a0 No puede por consiguiente considerarse que hay demora injustificada \u00a0cuando el Ministerio P\u00fablico, en cumplimiento de su misi\u00f3n, antes de presentar un alegato, exige, dentro del t\u00e9rmino, que le permitan conocer los principales \u00a0elementos de juicio para dar un concepto y esto motiva que el juzgador anule los t\u00e9rminos de un traslado y luego, cuando se ha superado el inconveniente anotado por la Procuradur\u00eda, \u00a0ordene nuevamente que corra el t\u00e9rmino para alegar ...<br \/><div class=\"pt-cv-rmwrap\"><a href=\"https:\/\/www.dmsjuridica.com\/buscador_20179478954\/corteconstitucionalcronologico202454587\/t-612-03\/\" class=\"_self pt-cv-readmore btn btn-success\" target=\"_self\">Ver Sentencia Completa...<\/a><\/div><\/div><\/div><\/div>\n<div class=\"col-md-12 col-sm-12 col-xs-12 pt-cv-content-item pt-cv-1-col\" ><div class='pt-cv-ifield'><a href=\"https:\/\/www.dmsjuridica.com\/buscador_20179478954\/corteconstitucionalcronologico202454587\/t-611-03\/\" class=\"_self pt-cv-href-thumbnail pt-cv-thumb-default\" target=\"_self\" ><\/a>\n<div class=\"pt-cv-taxoterm above_title\"><a href='https:\/\/www.dmsjuridica.com\/buscador_20179478954\/corteconstitucionalcronologico202454587\/category\/buscar-en-toda-la-corte\/2003\/tutelas-2003\/' title='Tutelas 2003' class='pt-cv-tax-tutelas-2003'>Tutelas 2003<\/a><\/div>\n<h4 class=\"pt-cv-title\"><a href=\"https:\/\/www.dmsjuridica.com\/buscador_20179478954\/corteconstitucionalcronologico202454587\/t-611-03\/\" class=\"_self\" target=\"_self\" >T-611-03<\/a><\/h4>\n<div class=\"pt-cv-content\">\u00a0 \u00a0 \u00a0\u00a0 \u00a0 \u00a0 \u00a0 \u00a0 \u00a0 \u00a0 \u00a0 \u00a0 \u00a0 \u00a0 \u00a0 \u00a0 \u00a0 \u00a0 \u00a0 \u00a0 \u00a0 \u00a0 \u00a0 \u00a0 \u00a0 \u00a0 \u00a0 \u00a0 \u00a0 \u00a0 \u00a0 \u00a0 \u00a0 \u00a0 \u00a0 \u00a0 \u00a0 \u00a0 \u00a0 \u00a0 \u00a0 \u00a0 \u00a0 \u00a0 \u00a0 \u00a0 \u00a0 \u00a0 \u00a0 \u00a0 \u00a0 \u00a0 \u00a0 \u00a0 \u00a0 \u00a0 \u00a0 \u00a0 \u00a0 \u00a0 \u00a0 \u00a0 \u00a0 \u00a0 \u00a0 \u00a0 \u00a0 \u00a0 \u00a0 \u00a0 \u00a0 \u00a0 \u00a0 \u00a0 \u00a0 \u00a0 \u00a0 \u00a0 \u00a0 \u00a0 \u00a0 \u00a0 \u00a0 \u00a0 \u00a0 \u00a0 \u00a0 \u00a0 \u00a0 \u00a0 \u00a0 \u00a0 \u00a0 \u00a0 \u00a0 \u00a0 \u00a0 \u00a0 \u00a0 \u00a0 \u00a0 ...<br \/><div class=\"pt-cv-rmwrap\"><a href=\"https:\/\/www.dmsjuridica.com\/buscador_20179478954\/corteconstitucionalcronologico202454587\/t-611-03\/\" class=\"_self pt-cv-readmore btn btn-success\" target=\"_self\">Ver Sentencia Completa...<\/a><\/div><\/div><\/div><\/div>\n<div class=\"col-md-12 col-sm-12 col-xs-12 pt-cv-content-item pt-cv-1-col\" ><div class='pt-cv-ifield'><a href=\"https:\/\/www.dmsjuridica.com\/buscador_20179478954\/corteconstitucionalcronologico202454587\/t-610-03\/\" class=\"_self pt-cv-href-thumbnail pt-cv-thumb-default\" target=\"_self\" ><\/a>\n<div class=\"pt-cv-taxoterm above_title\"><a href='https:\/\/www.dmsjuridica.com\/buscador_20179478954\/corteconstitucionalcronologico202454587\/category\/buscar-en-toda-la-corte\/2003\/tutelas-2003\/' title='Tutelas 2003' class='pt-cv-tax-tutelas-2003'>Tutelas 2003<\/a><\/div>\n<h4 class=\"pt-cv-title\"><a href=\"https:\/\/www.dmsjuridica.com\/buscador_20179478954\/corteconstitucionalcronologico202454587\/t-610-03\/\" class=\"_self\" target=\"_self\" >T-610-03<\/a><\/h4>\n<div class=\"pt-cv-content\">\u00a0 \u00a0 \u00a0 \u00a0 Sentencia T-610\/03 \u00a0 ACTO ADMINISTRATIVO-Motivaci\u00f3n\/PRINCIPIO DE PUBLICIDAD DE LA FUNCION ADMINISTRATIVA-Motivaci\u00f3n del acto \u00a0 DISCRECIONALIDAD DE LA ADMINISTRACION-No la exonera de justificar sus actuaciones\u00a0 \u00a0 ACTO ADMINISTRATIVO-Excepci\u00f3n al principio de motivaci\u00f3n \u00a0 EMPLEADOS DE LIBRE NOMBRAMIENTO Y REMOCION-Acto de desvinculaci\u00f3n no requiere motivaci\u00f3n \u00a0 Es claro, que los actos de desvinculaci\u00f3n de funcionarios de libre nombramiento y remoci\u00f3n no necesitan de motivaci\u00f3n y ello es as\u00ed, porque la provisi\u00f3n de dichos empleos supone la escogencia de quien va a ocupar el cargo por motivos personales o de confianza. Por tanto, la no motivaci\u00f3n de estos actos ...<br \/><div class=\"pt-cv-rmwrap\"><a href=\"https:\/\/www.dmsjuridica.com\/buscador_20179478954\/corteconstitucionalcronologico202454587\/t-610-03\/\" class=\"_self pt-cv-readmore btn btn-success\" target=\"_self\">Ver Sentencia Completa...<\/a><\/div><\/div><\/div><\/div>\n<div class=\"col-md-12 col-sm-12 col-xs-12 pt-cv-content-item pt-cv-1-col\" ><div class='pt-cv-ifield'><a href=\"https:\/\/www.dmsjuridica.com\/buscador_20179478954\/corteconstitucionalcronologico202454587\/t-609-03\/\" class=\"_self pt-cv-href-thumbnail pt-cv-thumb-default\" target=\"_self\" ><\/a>\n<div class=\"pt-cv-taxoterm above_title\"><a href='https:\/\/www.dmsjuridica.com\/buscador_20179478954\/corteconstitucionalcronologico202454587\/category\/buscar-en-toda-la-corte\/2003\/tutelas-2003\/' title='Tutelas 2003' class='pt-cv-tax-tutelas-2003'>Tutelas 2003<\/a><\/div>\n<h4 class=\"pt-cv-title\"><a href=\"https:\/\/www.dmsjuridica.com\/buscador_20179478954\/corteconstitucionalcronologico202454587\/t-609-03\/\" class=\"_self\" target=\"_self\" >T-609-03<\/a><\/h4>\n<div class=\"pt-cv-content\">\u00a0 \u00a0 \u00a0 \u00a0 Sentencia T-609\/03 \u00a0 COSA JUZGADA-Se funda en el principio de seguridad jur\u00eddica\u00a0 \u00a0 ACCION DE TUTELA CONTRA PROVIDENCIAS JUDICIALES-Procedencia excepcional por v\u00eda de hecho judicial \u00a0 FUERO SINDICAL-No cobijaba al accionante \u00a0 VIA DE HECHO-Inexistencia para el caso\u00a0 \u00a0 DERECHO AL TRABAJO-Despido legal de trabajador que no estaba amparado por fuero sindical\u00a0 \u00a0 \u00a0 \u00a0 \u00a0 \u00a0 \u00a0 Referencia: expediente T-728364 \u00a0 Peticionario: Libardo Ru\u00edz Guar\u00edn\u00a0 \u00a0 Magistrado Ponente: \u00a0 Dr. ALFREDO BELTR\u00c1N SIERRA \u00a0 Bogot\u00e1, D.C., veinticuatro (24) de julio de dos mil tres (2003). \u00a0 La Sala Segunda de Revisi\u00f3n de la Corte Constitucional, ...<br \/><div class=\"pt-cv-rmwrap\"><a href=\"https:\/\/www.dmsjuridica.com\/buscador_20179478954\/corteconstitucionalcronologico202454587\/t-609-03\/\" class=\"_self pt-cv-readmore btn btn-success\" target=\"_self\">Ver Sentencia Completa...<\/a><\/div><\/div><\/div><\/div>\n<div class=\"col-md-12 col-sm-12 col-xs-12 pt-cv-content-item pt-cv-1-col\" ><div class='pt-cv-ifield'><a href=\"https:\/\/www.dmsjuridica.com\/buscador_20179478954\/corteconstitucionalcronologico202454587\/t-607-03\/\" class=\"_self pt-cv-href-thumbnail pt-cv-thumb-default\" target=\"_self\" ><\/a>\n<div class=\"pt-cv-taxoterm above_title\"><a href='https:\/\/www.dmsjuridica.com\/buscador_20179478954\/corteconstitucionalcronologico202454587\/category\/buscar-en-toda-la-corte\/2003\/tutelas-2003\/' title='Tutelas 2003' class='pt-cv-tax-tutelas-2003'>Tutelas 2003<\/a><\/div>\n<h4 class=\"pt-cv-title\"><a href=\"https:\/\/www.dmsjuridica.com\/buscador_20179478954\/corteconstitucionalcronologico202454587\/t-607-03\/\" class=\"_self\" target=\"_self\" >T-607-03<\/a><\/h4>\n<div class=\"pt-cv-content\">\u00a0 \u00a0 Sentencia T-607\/03 \u00a0 PROCESO EJECUTIVO-Desembargo de bienes como sanci\u00f3n a la inactividad del ejecutante\u00a0 \u00a0 PERENCION DEL PROCESO-Efecto principal\/PROCESO EJECUTIVO-No se extingue al levantarse el embargo de bienes \u00a0 En la perenci\u00f3n propiamente dicha, el efecto principal es terminar con el proceso en forma anticipada y sin que se agoten las etapas propias de cada juicio, para el caso del proceso ejecutivo sea este singular como prendario o hipotecario, no se extingue al levantarse el embargo de los bienes perseguidos ni el proceso, ni el derecho pretendido y menos a\u00fan el gravamen. Su efecto se traduce en el ...<br \/><div class=\"pt-cv-rmwrap\"><a href=\"https:\/\/www.dmsjuridica.com\/buscador_20179478954\/corteconstitucionalcronologico202454587\/t-607-03\/\" class=\"_self pt-cv-readmore btn btn-success\" target=\"_self\">Ver Sentencia Completa...<\/a><\/div><\/div><\/div><\/div>\n<div class=\"col-md-12 col-sm-12 col-xs-12 pt-cv-content-item pt-cv-1-col\" ><div class='pt-cv-ifield'><a href=\"https:\/\/www.dmsjuridica.com\/buscador_20179478954\/corteconstitucionalcronologico202454587\/t-606-03\/\" class=\"_self pt-cv-href-thumbnail pt-cv-thumb-default\" target=\"_self\" ><\/a>\n<div class=\"pt-cv-taxoterm above_title\"><a href='https:\/\/www.dmsjuridica.com\/buscador_20179478954\/corteconstitucionalcronologico202454587\/category\/buscar-en-toda-la-corte\/2003\/tutelas-2003\/' title='Tutelas 2003' class='pt-cv-tax-tutelas-2003'>Tutelas 2003<\/a><\/div>\n<h4 class=\"pt-cv-title\"><a href=\"https:\/\/www.dmsjuridica.com\/buscador_20179478954\/corteconstitucionalcronologico202454587\/t-606-03\/\" class=\"_self\" target=\"_self\" >T-606-03<\/a><\/h4>\n<div class=\"pt-cv-content\">\u00a0 \u00a0 Sentencia T-606\/03 \u00a0 PROCESO EJECUTIVO HIPOTECARIO-Termina al entrar en vigencia Ley 546\/99 \u00a0 CREDITO HIPOTECARIO-Suspensi\u00f3n de procesos en curso\u00a0 \u00a0 CREDITO HIPOTECARIO-Suspensi\u00f3n de proceso en curso para efectuar reliquidaci\u00f3n del cr\u00e9dito, finalizaci\u00f3n y archivo\u00a0 \u00a0 \u201cLa suspensi\u00f3n de los procesos en curso, ya por petici\u00f3n del deudor, o por decisi\u00f3n adoptada de oficio por el juez, tiene por objeto que se efect\u00fae la reliquidaci\u00f3n del cr\u00e9dito\u201d; y ii) que \u201cproducida ella, debe dar lugar a la terminaci\u00f3n del proceso y a su archivo sin m\u00e1s tr\u00e1mite, como lo ordena la norma\u201d. Resulta claro i) que el 31 de ...<br \/><div class=\"pt-cv-rmwrap\"><a href=\"https:\/\/www.dmsjuridica.com\/buscador_20179478954\/corteconstitucionalcronologico202454587\/t-606-03\/\" class=\"_self pt-cv-readmore btn btn-success\" target=\"_self\">Ver Sentencia Completa...<\/a><\/div><\/div><\/div><\/div>\n<div class=\"col-md-12 col-sm-12 col-xs-12 pt-cv-content-item pt-cv-1-col\" ><div class='pt-cv-ifield'><a href=\"https:\/\/www.dmsjuridica.com\/buscador_20179478954\/corteconstitucionalcronologico202454587\/t-605-03\/\" class=\"_self pt-cv-href-thumbnail pt-cv-thumb-default\" target=\"_self\" ><\/a>\n<div class=\"pt-cv-taxoterm above_title\"><a href='https:\/\/www.dmsjuridica.com\/buscador_20179478954\/corteconstitucionalcronologico202454587\/category\/buscar-en-toda-la-corte\/2003\/tutelas-2003\/' title='Tutelas 2003' class='pt-cv-tax-tutelas-2003'>Tutelas 2003<\/a><\/div>\n<h4 class=\"pt-cv-title\"><a href=\"https:\/\/www.dmsjuridica.com\/buscador_20179478954\/corteconstitucionalcronologico202454587\/t-605-03\/\" class=\"_self\" target=\"_self\" >T-605-03<\/a><\/h4>\n<div class=\"pt-cv-content\">\u00a0 \u00a0 Sentencia T-605\/03 \u00a0 DERECHO DE PETICION EN PENSION DE SOBREVIVIENTES-T\u00e9rmino para reconocimiento \u00a0 INSTITUTO DE SEGUROS SOCIALES-Vulneraci\u00f3n por no resolver petici\u00f3n en tiempo sobre pensi\u00f3n de sobrevivientes \u00a0 \u00a0 \u00a0 Reiteraci\u00f3n de Jurisprudencia \u00a0 Referencia: expediente T-724908 \u00a0 Acci\u00f3n de tutela instaurada por Luz Amparo Restrepo Gonz\u00e1lez contra el Instituto de Seguros Sociales. \u00a0 Magistrado Ponente: \u00a0 Dr. JAIME ARA\u00daJO RENTER\u00cdA \u00a0 Bogot\u00e1, D.C., veintitr\u00e9s (23) de julio de dos mil tres (2003). \u00a0 La Sala Primera de Revisi\u00f3n de la Corte Constitucional, en ejercicio de sus competencias constitucionales y legales, en particular las contenidas en los art\u00edculos ...<br \/><div class=\"pt-cv-rmwrap\"><a href=\"https:\/\/www.dmsjuridica.com\/buscador_20179478954\/corteconstitucionalcronologico202454587\/t-605-03\/\" class=\"_self pt-cv-readmore btn btn-success\" target=\"_self\">Ver Sentencia Completa...<\/a><\/div><\/div><\/div><\/div>\n<div class=\"col-md-12 col-sm-12 col-xs-12 pt-cv-content-item pt-cv-1-col\" ><div class='pt-cv-ifield'><a href=\"https:\/\/www.dmsjuridica.com\/buscador_20179478954\/corteconstitucionalcronologico202454587\/t-604-03\/\" class=\"_self pt-cv-href-thumbnail pt-cv-thumb-default\" target=\"_self\" ><\/a>\n<div class=\"pt-cv-taxoterm above_title\"><a href='https:\/\/www.dmsjuridica.com\/buscador_20179478954\/corteconstitucionalcronologico202454587\/category\/buscar-en-toda-la-corte\/2003\/tutelas-2003\/' title='Tutelas 2003' class='pt-cv-tax-tutelas-2003'>Tutelas 2003<\/a><\/div>\n<h4 class=\"pt-cv-title\"><a href=\"https:\/\/www.dmsjuridica.com\/buscador_20179478954\/corteconstitucionalcronologico202454587\/t-604-03\/\" class=\"_self\" target=\"_self\" >T-604-03<\/a><\/h4>\n<div class=\"pt-cv-content\">\u00a0 \u00a0 Sentencia T-604\/03 \u00a0 CONCURSO DE MERITOS-Finalidad\/CARRERA ADMINISTRATIVA-Regla general para vinculaci\u00f3n a entidades del Estado \u00a0 DEFENSORIA DEL PUEBLO-Nombramiento de profesional en cargo no sometido a concurso con fundamento en la ley 201\/95\/DEFENSORIA DEL PUEBLO-Nombramiento de profesional sin tener en cuenta los nombres en listas para provisi\u00f3n de otros cargos\u00a0 \u00a0 DEFENSORIA DEL PUEBLO-Ley 201\/95 no le impone observancia del orden descendente de listas para provisi\u00f3n de otros cargos \u00a0 Referencia: expediente T-721963 \u00a0 Acci\u00f3n de tutela instaurada por Julia Gonz\u00e1lez Ni\u00f1o contra la Defensor\u00eda del Pueblo \u00a0 Dr. ALFREDO BELTR\u00c1N SIERRA \u00a0 Bogot\u00e1 D. C., veinticinco (25) de ...<br \/><div class=\"pt-cv-rmwrap\"><a href=\"https:\/\/www.dmsjuridica.com\/buscador_20179478954\/corteconstitucionalcronologico202454587\/t-604-03\/\" class=\"_self pt-cv-readmore btn btn-success\" target=\"_self\">Ver Sentencia Completa...<\/a><\/div><\/div><\/div><\/div>\n<div class=\"col-md-12 col-sm-12 col-xs-12 pt-cv-content-item pt-cv-1-col\" ><div class='pt-cv-ifield'><a href=\"https:\/\/www.dmsjuridica.com\/buscador_20179478954\/corteconstitucionalcronologico202454587\/t-603-03\/\" class=\"_self pt-cv-href-thumbnail pt-cv-thumb-default\" target=\"_self\" ><\/a>\n<div class=\"pt-cv-taxoterm above_title\"><a href='https:\/\/www.dmsjuridica.com\/buscador_20179478954\/corteconstitucionalcronologico202454587\/category\/buscar-en-toda-la-corte\/2003\/tutelas-2003\/' title='Tutelas 2003' class='pt-cv-tax-tutelas-2003'>Tutelas 2003<\/a><\/div>\n<h4 class=\"pt-cv-title\"><a href=\"https:\/\/www.dmsjuridica.com\/buscador_20179478954\/corteconstitucionalcronologico202454587\/t-603-03\/\" class=\"_self\" target=\"_self\" >T-603-03<\/a><\/h4>\n<div class=\"pt-cv-content\">\u00a0 \u00a0 Sentencia T-603\/03 \u00a0 COMITE DE LIBERTAD SINDICAL DE LA ORGANIZACION INTERNACIONAL DEL TRABAJO-Car\u00e1cter vinculante de las recomendaciones\/ORGANIZACION INTERNACIONAL DEL TRABAJO-Diferencias entre sus recomendaciones y las de los Organismos de control \u00a0 La Corte Constitucional estableci\u00f3 el car\u00e1cter vinculante de esas recomendaciones, atendiendo a las obligaciones contra\u00eddas \u00a0por el Estado colombiano, al suscribir y ratificar el Tratado constitutivo de la OIT. Para tales efectos diferenci\u00f3 entre las recomendaciones emitidas por la OIT y las de sus \u00f3rganos de control. As\u00ed, dijo que a diferencia de los convenios, las recomendaciones pronunciadas por la OIT no son normas creadoras de obligaciones ...<br \/><div class=\"pt-cv-rmwrap\"><a href=\"https:\/\/www.dmsjuridica.com\/buscador_20179478954\/corteconstitucionalcronologico202454587\/t-603-03\/\" class=\"_self pt-cv-readmore btn btn-success\" target=\"_self\">Ver Sentencia Completa...<\/a><\/div><\/div><\/div><\/div>\n<div class=\"col-md-12 col-sm-12 col-xs-12 pt-cv-content-item pt-cv-1-col\" ><div class='pt-cv-ifield'><a href=\"https:\/\/www.dmsjuridica.com\/buscador_20179478954\/corteconstitucionalcronologico202454587\/t-602-03\/\" class=\"_self pt-cv-href-thumbnail pt-cv-thumb-default\" target=\"_self\" ><\/a>\n<div class=\"pt-cv-taxoterm above_title\"><a href='https:\/\/www.dmsjuridica.com\/buscador_20179478954\/corteconstitucionalcronologico202454587\/category\/buscar-en-toda-la-corte\/2003\/tutelas-2003\/' title='Tutelas 2003' class='pt-cv-tax-tutelas-2003'>Tutelas 2003<\/a><\/div>\n<h4 class=\"pt-cv-title\"><a href=\"https:\/\/www.dmsjuridica.com\/buscador_20179478954\/corteconstitucionalcronologico202454587\/t-602-03\/\" class=\"_self\" target=\"_self\" >T-602-03<\/a><\/h4>\n<div class=\"pt-cv-content\">\u00a0 \u00a0 Sentencia T-602\/03 \u00a0 DESPLAZAMIENTO INTERNO-Noci\u00f3n \u00a0 DESPLAZAMIENTO FORZADO INTERNO-Alcance \u00a0 El desplazamiento forzado interno es un hecho y que, por tal motivo, la declaraci\u00f3n rendida por la v\u00edctima y la posterior inclusi\u00f3n de la misma en el Registro \u00danico de Poblaci\u00f3n Desplazada tienen como \u00fanico prop\u00f3sito facilitar la asistencia proveniente del Estado o de la cooperaci\u00f3n internacional, mas no el de conferir el status o la condici\u00f3n de persona desplazada. Tanto los desplazamientos intraurbanos como los desplazamientos intramunicipales son desplazamientos forzados internos, pues en ninguna de ellas, ni en los Principios Rectores, se exige que quienes se desplazan ...<br \/><div class=\"pt-cv-rmwrap\"><a href=\"https:\/\/www.dmsjuridica.com\/buscador_20179478954\/corteconstitucionalcronologico202454587\/t-602-03\/\" class=\"_self pt-cv-readmore btn btn-success\" target=\"_self\">Ver Sentencia Completa...<\/a><\/div><\/div><\/div><\/div>\n<div class=\"col-md-12 col-sm-12 col-xs-12 pt-cv-content-item pt-cv-1-col\" ><div class='pt-cv-ifield'><a href=\"https:\/\/www.dmsjuridica.com\/buscador_20179478954\/corteconstitucionalcronologico202454587\/t-601-03\/\" class=\"_self pt-cv-href-thumbnail pt-cv-thumb-default\" target=\"_self\" ><\/a>\n<div class=\"pt-cv-taxoterm above_title\"><a href='https:\/\/www.dmsjuridica.com\/buscador_20179478954\/corteconstitucionalcronologico202454587\/category\/buscar-en-toda-la-corte\/2003\/tutelas-2003\/' title='Tutelas 2003' class='pt-cv-tax-tutelas-2003'>Tutelas 2003<\/a><\/div>\n<h4 class=\"pt-cv-title\"><a href=\"https:\/\/www.dmsjuridica.com\/buscador_20179478954\/corteconstitucionalcronologico202454587\/t-601-03\/\" class=\"_self\" target=\"_self\" >T-601-03<\/a><\/h4>\n<div class=\"pt-cv-content\">\u00a0 \u00a0 Sentencia T-601\/03 \u00a0 ACCION DE TUTELA-Procedencia excepcional pago de mesadas pensionales\/DERECHO AL MINIMO VITAL DEL PENSIONADO-Pago oportuno de mesadas \u00a0 ACCION DE TUTELA-Hecho superado por pago de mesadas pensionales \u00a0 Reiteraci\u00f3n de Jurisprudencia \u00a0 Referencia: expediente T-696070 \u00a0 Acci\u00f3n de tutela instaurada por Jaime Quintero Mora contra Textiles Fabricato Tejic\u00f3ndor S.A.. \u00a0 Magistrado Ponente: \u00a0 Dr. JAIME ARA\u00daJO RENTER\u00cdA \u00a0 Bogot\u00e1, D.C., veintitr\u00e9s (23) de julio de dos mil tres (2003). \u00a0 La Sala Primera de Revisi\u00f3n de la Corte Constitucional, en ejercicio de sus competencias constitucionales y legales, en particular las contenidas en los art\u00edculos 86 y ...<br \/><div class=\"pt-cv-rmwrap\"><a href=\"https:\/\/www.dmsjuridica.com\/buscador_20179478954\/corteconstitucionalcronologico202454587\/t-601-03\/\" class=\"_self pt-cv-readmore btn btn-success\" target=\"_self\">Ver Sentencia Completa...<\/a><\/div><\/div><\/div><\/div>\n<div class=\"col-md-12 col-sm-12 col-xs-12 pt-cv-content-item pt-cv-1-col\" ><div class='pt-cv-ifield'><a href=\"https:\/\/www.dmsjuridica.com\/buscador_20179478954\/corteconstitucionalcronologico202454587\/t-600-03\/\" class=\"_self pt-cv-href-thumbnail pt-cv-thumb-default\" target=\"_self\" ><\/a>\n<div class=\"pt-cv-taxoterm above_title\"><a href='https:\/\/www.dmsjuridica.com\/buscador_20179478954\/corteconstitucionalcronologico202454587\/category\/buscar-en-toda-la-corte\/2003\/tutelas-2003\/' title='Tutelas 2003' class='pt-cv-tax-tutelas-2003'>Tutelas 2003<\/a><\/div>\n<h4 class=\"pt-cv-title\"><a href=\"https:\/\/www.dmsjuridica.com\/buscador_20179478954\/corteconstitucionalcronologico202454587\/t-600-03\/\" class=\"_self\" target=\"_self\" >T-600-03<\/a><\/h4>\n<div class=\"pt-cv-content\">ENFERMEDADES CATASTROFICAS O RUINOSAS-Suministro de tratamiento por EPS sin cumplir periodo m\u00ednimo de cotizaci\u00f3n \u00a0 DERECHO A LA SALUD-No se pueden oponer periodos m\u00ednimos de cotizaci\u00f3n ante situaciones de urgencia \u00a0 ACCION DE TUTELA-Condiciones para que proceda sin cumplir periodo m\u00ednimo de cotizaci\u00f3n\u00a0 \u00a0 La acci\u00f3n de tutela no procede en forma autom\u00e1tica en todos los eventos, sino que es preciso que concurran las siguientes condiciones: (1) Que el paciente est\u00e9 afiliado a la empresa prestadora de salud de la que reclama la atenci\u00f3n; (2) que la vida del usuario se ponga en peligro si no se realiza el tratamiento ...<br \/><div class=\"pt-cv-rmwrap\"><a href=\"https:\/\/www.dmsjuridica.com\/buscador_20179478954\/corteconstitucionalcronologico202454587\/t-600-03\/\" class=\"_self pt-cv-readmore btn btn-success\" target=\"_self\">Ver Sentencia Completa...<\/a><\/div><\/div><\/div><\/div>\n<div class=\"col-md-12 col-sm-12 col-xs-12 pt-cv-content-item pt-cv-1-col\" ><div class='pt-cv-ifield'><a href=\"https:\/\/www.dmsjuridica.com\/buscador_20179478954\/corteconstitucionalcronologico202454587\/t-599-03\/\" class=\"_self pt-cv-href-thumbnail pt-cv-thumb-default\" target=\"_self\" ><\/a>\n<div class=\"pt-cv-taxoterm above_title\"><a href='https:\/\/www.dmsjuridica.com\/buscador_20179478954\/corteconstitucionalcronologico202454587\/category\/buscar-en-toda-la-corte\/2003\/tutelas-2003\/' title='Tutelas 2003' class='pt-cv-tax-tutelas-2003'>Tutelas 2003<\/a><\/div>\n<h4 class=\"pt-cv-title\"><a href=\"https:\/\/www.dmsjuridica.com\/buscador_20179478954\/corteconstitucionalcronologico202454587\/t-599-03\/\" class=\"_self\" target=\"_self\" >T-599-03<\/a><\/h4>\n<div class=\"pt-cv-content\">\u00a0 \u00a0 Sentencia T-599\/03 \u00a0 INAPLICACION DE NORMAS DEL PLAN OBLIGATORIO DE SALUD-Casos en que procede por exclusi\u00f3n de tratamientos y medicamentos de alto costo \u00a0 DERECHO A LA SALUD-Prueba de la incapacidad econ\u00f3mica para asumir tratamiento\/JUEZ DE TUTELA-Facultad oficiosa para decretar pruebas cuando el actor no sabe como hacerlo \u00a0 \u00a0 \u00a0 Si el solicitante del amparo aduce en la demanda no contar con la capacidad econ\u00f3mica para sufragar el costo de la prueba de laboratorio, de las medicinas o el procedimiento excluido del P.O.S., lo conducente es requerirlo para que aporte prueba que demuestre esa situaci\u00f3n o decretar ...<br \/><div class=\"pt-cv-rmwrap\"><a href=\"https:\/\/www.dmsjuridica.com\/buscador_20179478954\/corteconstitucionalcronologico202454587\/t-599-03\/\" class=\"_self pt-cv-readmore btn btn-success\" target=\"_self\">Ver Sentencia Completa...<\/a><\/div><\/div><\/div><\/div>\n<div class=\"col-md-12 col-sm-12 col-xs-12 pt-cv-content-item pt-cv-1-col\" ><div class='pt-cv-ifield'><a href=\"https:\/\/www.dmsjuridica.com\/buscador_20179478954\/corteconstitucionalcronologico202454587\/t-598-03\/\" class=\"_self pt-cv-href-thumbnail pt-cv-thumb-default\" target=\"_self\" ><\/a>\n<div class=\"pt-cv-taxoterm above_title\"><a href='https:\/\/www.dmsjuridica.com\/buscador_20179478954\/corteconstitucionalcronologico202454587\/category\/buscar-en-toda-la-corte\/2003\/tutelas-2003\/' title='Tutelas 2003' class='pt-cv-tax-tutelas-2003'>Tutelas 2003<\/a><\/div>\n<h4 class=\"pt-cv-title\"><a href=\"https:\/\/www.dmsjuridica.com\/buscador_20179478954\/corteconstitucionalcronologico202454587\/t-598-03\/\" class=\"_self\" target=\"_self\" >T-598-03<\/a><\/h4>\n<div class=\"pt-cv-content\">\u00a0 \u00a0 Sentencia T-598\/03 \u00a0 ACCION DE TUTELA CONTRA PROVIDENCIAS JUDICIALES-Requisitos formales para la procedencia \u00a0 En cuanto a los requisitos formales, la procedibilidad de la acci\u00f3n est\u00e1 condicionada a una de las siguientes hip\u00f3tesis: a) Es necesario que la persona haya agotado todos los mecanismos de defensa previstos en el proceso dentro del cual fue proferida la decisi\u00f3n que se pretende controvertir mediante tutela. \u00a0Con ello se busca prevenir la intromisi\u00f3n indebida de una autoridad distinta de la que adelanta el proceso ordinario, que no se alteren o sustituyan de manera fraudulenta los mecanismos de defensa dise\u00f1ados por el ...<br \/><div class=\"pt-cv-rmwrap\"><a href=\"https:\/\/www.dmsjuridica.com\/buscador_20179478954\/corteconstitucionalcronologico202454587\/t-598-03\/\" class=\"_self pt-cv-readmore btn btn-success\" target=\"_self\">Ver Sentencia Completa...<\/a><\/div><\/div><\/div><\/div>\n<div class=\"col-md-12 col-sm-12 col-xs-12 pt-cv-content-item pt-cv-1-col\" ><div class='pt-cv-ifield'><a href=\"https:\/\/www.dmsjuridica.com\/buscador_20179478954\/corteconstitucionalcronologico202454587\/t-597-03\/\" class=\"_self pt-cv-href-thumbnail pt-cv-thumb-default\" target=\"_self\" ><\/a>\n<div class=\"pt-cv-taxoterm above_title\"><a href='https:\/\/www.dmsjuridica.com\/buscador_20179478954\/corteconstitucionalcronologico202454587\/category\/buscar-en-toda-la-corte\/2003\/tutelas-2003\/' title='Tutelas 2003' class='pt-cv-tax-tutelas-2003'>Tutelas 2003<\/a><\/div>\n<h4 class=\"pt-cv-title\"><a href=\"https:\/\/www.dmsjuridica.com\/buscador_20179478954\/corteconstitucionalcronologico202454587\/t-597-03\/\" class=\"_self\" target=\"_self\" >T-597-03<\/a><\/h4>\n<div class=\"pt-cv-content\">\u00a0 \u00a0 Sentencia T-597\/03 \u00a0 MEDIO DE DEFENSA JUDICIAL-No desplaza per se la acci\u00f3n de tutela \u00a0 Cuando al interpretarse lo dispuesto en el art\u00edculo 6\u00b0 del Decreto 2591 de 1991 ha manifestado que la existencia de otros medios de defensa judicial no desplaza per se el amparo constitucional, pues los mecanismos de defensa de que dispone la persona a quien se le han vulnerado o en peligro de vulnerarse sus derechos, \u00a0deben proporcionarle una igual o mayor protecci\u00f3n que la tutela. Si lo anterior no sucede, la acci\u00f3n de amparo constitucional es procedente como medio judicial \u00a0principal, eficaz e ...<br \/><div class=\"pt-cv-rmwrap\"><a href=\"https:\/\/www.dmsjuridica.com\/buscador_20179478954\/corteconstitucionalcronologico202454587\/t-597-03\/\" class=\"_self pt-cv-readmore btn btn-success\" target=\"_self\">Ver Sentencia Completa...<\/a><\/div><\/div><\/div><\/div>\n<div class=\"col-md-12 col-sm-12 col-xs-12 pt-cv-content-item pt-cv-1-col\" ><div class='pt-cv-ifield'><a href=\"https:\/\/www.dmsjuridica.com\/buscador_20179478954\/corteconstitucionalcronologico202454587\/t-596-03\/\" class=\"_self pt-cv-href-thumbnail pt-cv-thumb-default\" target=\"_self\" ><\/a>\n<div class=\"pt-cv-taxoterm above_title\"><a href='https:\/\/www.dmsjuridica.com\/buscador_20179478954\/corteconstitucionalcronologico202454587\/category\/buscar-en-toda-la-corte\/2003\/tutelas-2003\/' title='Tutelas 2003' class='pt-cv-tax-tutelas-2003'>Tutelas 2003<\/a><\/div>\n<h4 class=\"pt-cv-title\"><a href=\"https:\/\/www.dmsjuridica.com\/buscador_20179478954\/corteconstitucionalcronologico202454587\/t-596-03\/\" class=\"_self\" target=\"_self\" >T-596-03<\/a><\/h4>\n<div class=\"pt-cv-content\">\u00a0 \u00a0 Sentencia \u00a0T-596\/03 \u00a0 ACCION DE TUTELA CONTRA ADMINISTRACION DE CONJUNTO RESIDENCIAL-Casos en que procede \u00a0 ADMINISTRACION DE CONJUNTO RESIDENCIAL-Custodia y conservaci\u00f3n de zonas comunes \u00a0 BIENES COMUNES-Definici\u00f3n \u00a0 REGIMEN DE PROPIEDAD HORIZONTAL-Titulares de propiedad en com\u00fan son los propietarios de unidades privadas\/ASAMBLEA GENERAL DE PROPIETARIOS-Decisiones sobre derecho de dominio sobre \u00e1reas y bienes comunes\u00a0 \u00a0 ADMINISTRACION DE CONJUNTO RESIDENCIAL-Facultad para realizar cobros extraprocesales \u00a0 La Corte ha avalado la facultad de los administradores de los edificios y conjuntos sometidos al r\u00e9gimen de propiedad horizontal para realizar, conforme a la ley que lo rige, las diligencias extraprocesales de cobro, ...<br \/><div class=\"pt-cv-rmwrap\"><a href=\"https:\/\/www.dmsjuridica.com\/buscador_20179478954\/corteconstitucionalcronologico202454587\/t-596-03\/\" class=\"_self pt-cv-readmore btn btn-success\" target=\"_self\">Ver Sentencia Completa...<\/a><\/div><\/div><\/div><\/div>\n<div class=\"col-md-12 col-sm-12 col-xs-12 pt-cv-content-item pt-cv-1-col\" ><div class='pt-cv-ifield'><a href=\"https:\/\/www.dmsjuridica.com\/buscador_20179478954\/corteconstitucionalcronologico202454587\/t-595-03\/\" class=\"_self pt-cv-href-thumbnail pt-cv-thumb-default\" target=\"_self\" ><\/a>\n<div class=\"pt-cv-taxoterm above_title\"><a href='https:\/\/www.dmsjuridica.com\/buscador_20179478954\/corteconstitucionalcronologico202454587\/category\/buscar-en-toda-la-corte\/2003\/tutelas-2003\/' title='Tutelas 2003' class='pt-cv-tax-tutelas-2003'>Tutelas 2003<\/a><\/div>\n<h4 class=\"pt-cv-title\"><a href=\"https:\/\/www.dmsjuridica.com\/buscador_20179478954\/corteconstitucionalcronologico202454587\/t-595-03\/\" class=\"_self\" target=\"_self\" >T-595-03<\/a><\/h4>\n<div class=\"pt-cv-content\">\u00a0 \u00a0 Sentencia T-595\/03\u00a0 \u00a0 ACCION DE TUTELA CONTRA PARTICULARES-Procedencia excepcional \u00a0 SUBORDINACION-Definici\u00f3n \u00a0 INDEFENSION-Definici\u00f3n \u00a0 COMIT\u00c9 DE CONVIVENCIA EN PROPIEDAD HORIZONTAL-Soluci\u00f3n de conflictos entre propietarios, tenedores y administradores\u00a0 \u00a0 MEDIO DE DEFENSA JUDICIAL INEFICAZ-Agresi\u00f3n de mascota a administradora de conjunto residencial \u00a0 ACCION DE TUTELA CONTRA PARTICULARES-Indefensi\u00f3n frente a la agresi\u00f3n de mascota \u00a0 Como la accionante no cuenta con otra v\u00eda judicial para solicitar el efectivo amparo de su derecho al trabajo, se encuentra en una verdadera situaci\u00f3n de indefensi\u00f3n frente a la agresi\u00f3n de la que, seg\u00fan ella, fue v\u00edctima por parte del perro. En consecuencia, la ...<br \/><div class=\"pt-cv-rmwrap\"><a href=\"https:\/\/www.dmsjuridica.com\/buscador_20179478954\/corteconstitucionalcronologico202454587\/t-595-03\/\" class=\"_self pt-cv-readmore btn btn-success\" target=\"_self\">Ver Sentencia Completa...<\/a><\/div><\/div><\/div><\/div>\n<div class=\"col-md-12 col-sm-12 col-xs-12 pt-cv-content-item pt-cv-1-col\" ><div class='pt-cv-ifield'><a href=\"https:\/\/www.dmsjuridica.com\/buscador_20179478954\/corteconstitucionalcronologico202454587\/t-594-03\/\" class=\"_self pt-cv-href-thumbnail pt-cv-thumb-default\" target=\"_self\" ><\/a>\n<div class=\"pt-cv-taxoterm above_title\"><a href='https:\/\/www.dmsjuridica.com\/buscador_20179478954\/corteconstitucionalcronologico202454587\/category\/buscar-en-toda-la-corte\/2003\/tutelas-2003\/' title='Tutelas 2003' class='pt-cv-tax-tutelas-2003'>Tutelas 2003<\/a><\/div>\n<h4 class=\"pt-cv-title\"><a href=\"https:\/\/www.dmsjuridica.com\/buscador_20179478954\/corteconstitucionalcronologico202454587\/t-594-03\/\" class=\"_self\" target=\"_self\" >T-594-03<\/a><\/h4>\n<div class=\"pt-cv-content\">\u00a0 \u00a0 Sentencia T-594\/03 \u00a0 ADMINISTRADORA DEL REGIMEN SUBSIDIADO-Informaci\u00f3n al afiliado sobre posibilidad de atenci\u00f3n en servicio no incluido en POS \u00a0 DERECHO A LA SALUD Y A LA VIDA DEL MENOR-Prestaci\u00f3n de tratamiento y medicamentos para la ceguera excluidos del POS \u00a0 ESTABLECIMIENTO HOSPITALARIO-Obligaci\u00f3n de coordinar pr\u00e1ctica de tratamientos ordenados por m\u00e9dico tratante \u00a0 Reiteraci\u00f3n de Jurisprudencia \u00a0 Referencia: expediente T-676983 \u00a0 Acci\u00f3n de tutela instaurada por Luz Mercedes Caro D\u00edaz contra el Hospital Rosario Pumarejo de L\u00f3pez E.S.E.\u00a0 \u00a0 Magistrado Ponente: \u00a0 Dr. ALVARO TAFUR GALVIS \u00a0 La Sala Octava de Revisi\u00f3n de la Corte Constitucional, en ejercicio ...<br \/><div class=\"pt-cv-rmwrap\"><a href=\"https:\/\/www.dmsjuridica.com\/buscador_20179478954\/corteconstitucionalcronologico202454587\/t-594-03\/\" class=\"_self pt-cv-readmore btn btn-success\" target=\"_self\">Ver Sentencia Completa...<\/a><\/div><\/div><\/div><\/div>\n<div class=\"col-md-12 col-sm-12 col-xs-12 pt-cv-content-item pt-cv-1-col\" ><div class='pt-cv-ifield'><a href=\"https:\/\/www.dmsjuridica.com\/buscador_20179478954\/corteconstitucionalcronologico202454587\/t-593-03\/\" class=\"_self pt-cv-href-thumbnail pt-cv-thumb-default\" target=\"_self\" ><\/a>\n<div class=\"pt-cv-taxoterm above_title\"><a href='https:\/\/www.dmsjuridica.com\/buscador_20179478954\/corteconstitucionalcronologico202454587\/category\/buscar-en-toda-la-corte\/2003\/tutelas-2003\/' title='Tutelas 2003' class='pt-cv-tax-tutelas-2003'>Tutelas 2003<\/a><\/div>\n<h4 class=\"pt-cv-title\"><a href=\"https:\/\/www.dmsjuridica.com\/buscador_20179478954\/corteconstitucionalcronologico202454587\/t-593-03\/\" class=\"_self\" target=\"_self\" >T-593-03<\/a><\/h4>\n<div class=\"pt-cv-content\">\u00a0 \u00a0 Sentencia T-593\/03 \u00a0 DERECHO A LA SALUD-Fundamental por conexidad con la vida \u00a0 DERECHO A LA SALUD DEL NI\u00d1O-Fundamental prevalente \u00a0 SERVICIO MEDICO ASISTENCIAL-Prestaci\u00f3n a personas que requieren un trato preferente \u00a0 El compromiso en un Estado Social de Derecho con la prestaci\u00f3n de los servicios m\u00e9dico asistenciales, que demandan las personas que carecen de recursos para atenderlos y que por su estado de salud f\u00edsica o mental, por su edad o por su \u00a0nivel de desarrollo, implica la obligaci\u00f3n de brindar por parte del estado y la sociedad en general, un trato preferente, no est\u00e1 sujeto a ...<br \/><div class=\"pt-cv-rmwrap\"><a href=\"https:\/\/www.dmsjuridica.com\/buscador_20179478954\/corteconstitucionalcronologico202454587\/t-593-03\/\" class=\"_self pt-cv-readmore btn btn-success\" target=\"_self\">Ver Sentencia Completa...<\/a><\/div><\/div><\/div><\/div>\n<div class=\"col-md-12 col-sm-12 col-xs-12 pt-cv-content-item pt-cv-1-col\" ><div class='pt-cv-ifield'><a href=\"https:\/\/www.dmsjuridica.com\/buscador_20179478954\/corteconstitucionalcronologico202454587\/t-592-03\/\" class=\"_self pt-cv-href-thumbnail pt-cv-thumb-default\" target=\"_self\" ><\/a>\n<div class=\"pt-cv-taxoterm above_title\"><a href='https:\/\/www.dmsjuridica.com\/buscador_20179478954\/corteconstitucionalcronologico202454587\/category\/buscar-en-toda-la-corte\/2003\/tutelas-2003\/' title='Tutelas 2003' class='pt-cv-tax-tutelas-2003'>Tutelas 2003<\/a><\/div>\n<h4 class=\"pt-cv-title\"><a href=\"https:\/\/www.dmsjuridica.com\/buscador_20179478954\/corteconstitucionalcronologico202454587\/t-592-03\/\" class=\"_self\" target=\"_self\" >T-592-03<\/a><\/h4>\n<div class=\"pt-cv-content\">\u00a0 \u00a0 Sentencia T-592\/03 \u00a0 DERECHO A LA AUTODETERMINACION INFORMATICA-Intimidad econ\u00f3mica \u00a0 DERECHO A LA INTIMIDAD Y AL BUEN NOMBRE-Vulneraci\u00f3n \u00a0 BANCO DE DATOS-Informaci\u00f3n veraz e imparcial \u00a0 DERECHO A LA INFORMACION-Distinci\u00f3n entre datos personales e impersonales \u00a0 DERECHO A LA INFORMACION-No es absoluto\u00a0 \u00a0 DERECHO A LA INTIMIDAD Y BUEN NOMBRE-Consentimiento del titular sobre registro de datos econ\u00f3micos en procesos inform\u00e1ticos\u00a0 \u00a0 DERECHO A LA AUTODETERMINACION INFORMATICA-Autorizaci\u00f3n de usuarios de cr\u00e9dito para divulgar informaciones econ\u00f3micas \u00a0 La jurisprudencia constitucional, de manera un\u00e1nime y reiterada, en cumplimiento de la proyecci\u00f3n constitucional de la libertad individual en el derecho a la ...<br \/><div class=\"pt-cv-rmwrap\"><a href=\"https:\/\/www.dmsjuridica.com\/buscador_20179478954\/corteconstitucionalcronologico202454587\/t-592-03\/\" class=\"_self pt-cv-readmore btn btn-success\" target=\"_self\">Ver Sentencia Completa...<\/a><\/div><\/div><\/div><\/div>\n<div class=\"col-md-12 col-sm-12 col-xs-12 pt-cv-content-item pt-cv-1-col\" ><div class='pt-cv-ifield'><a href=\"https:\/\/www.dmsjuridica.com\/buscador_20179478954\/corteconstitucionalcronologico202454587\/t-591-03\/\" class=\"_self pt-cv-href-thumbnail pt-cv-thumb-default\" target=\"_self\" ><\/a>\n<div class=\"pt-cv-taxoterm above_title\"><a href='https:\/\/www.dmsjuridica.com\/buscador_20179478954\/corteconstitucionalcronologico202454587\/category\/buscar-en-toda-la-corte\/2003\/tutelas-2003\/' title='Tutelas 2003' class='pt-cv-tax-tutelas-2003'>Tutelas 2003<\/a><\/div>\n<h4 class=\"pt-cv-title\"><a href=\"https:\/\/www.dmsjuridica.com\/buscador_20179478954\/corteconstitucionalcronologico202454587\/t-591-03\/\" class=\"_self\" target=\"_self\" >T-591-03<\/a><\/h4>\n<div class=\"pt-cv-content\">\u00a0 \u00a0 Sentencia T-591\/03 \u00a0 DERECHO A LA SALUD-No se pueden oponer periodos m\u00ednimos de cotizaci\u00f3n ante situaciones de urgencia\/INAPLICACION DE NORMAS DEL PLAN OBLIGATORIO DE SALUD-Suministro de tratamiento de alto costo sin cumplir periodo m\u00ednimo de cotizaci\u00f3n \u00a0 INAPLICACION DE NORMAS DEL PLAN OBLIGATORIO DE SALUD-Requisitos que deben cumplir pacientes con enfermedades catastr\u00f3ficas \u00a0 Ha fijado esta Corporaci\u00f3n exigencias que deben cumplirse para inaplicar las normas vigentes de atenci\u00f3n a pacientes con enfermedades catastr\u00f3ficas, a saber: (1) Que el paciente est\u00e9 afiliado a la empresa prestadora de salud de la que reclama la atenci\u00f3n; (2) que la vida del ...<br \/><div class=\"pt-cv-rmwrap\"><a href=\"https:\/\/www.dmsjuridica.com\/buscador_20179478954\/corteconstitucionalcronologico202454587\/t-591-03\/\" class=\"_self pt-cv-readmore btn btn-success\" target=\"_self\">Ver Sentencia Completa...<\/a><\/div><\/div><\/div><\/div>\n<div class=\"col-md-12 col-sm-12 col-xs-12 pt-cv-content-item pt-cv-1-col\" ><div class='pt-cv-ifield'><a href=\"https:\/\/www.dmsjuridica.com\/buscador_20179478954\/corteconstitucionalcronologico202454587\/t-590-03\/\" class=\"_self pt-cv-href-thumbnail pt-cv-thumb-default\" target=\"_self\" ><\/a>\n<div class=\"pt-cv-taxoterm above_title\"><a href='https:\/\/www.dmsjuridica.com\/buscador_20179478954\/corteconstitucionalcronologico202454587\/category\/buscar-en-toda-la-corte\/2003\/tutelas-2003\/' title='Tutelas 2003' class='pt-cv-tax-tutelas-2003'>Tutelas 2003<\/a><\/div>\n<h4 class=\"pt-cv-title\"><a href=\"https:\/\/www.dmsjuridica.com\/buscador_20179478954\/corteconstitucionalcronologico202454587\/t-590-03\/\" class=\"_self\" target=\"_self\" >T-590-03<\/a><\/h4>\n<div class=\"pt-cv-content\">\u00a0 \u00a0 \u00a0 \u00a0 Sentencia T-590\/03 \u00a0 ACCION DE TUTELA-Subsidiariedad \u00a0 ACCION DE TUTELA-Improcedencia para obtener reembolso de dineros por asunci\u00f3n de costos m\u00e9dicos\/MEDIO DE DEFENSA JUDICIAL-Reembolso de dineros por asunci\u00f3n de costos m\u00e9dicos \u00a0 DERECHO A LA SALUD DEL NI\u00d1O-Fundamental \u00a0 INAPLICACION DE NORMAS DEL PLAN OBLIGATORIO DE SALUD-Casos en que procede por exclusi\u00f3n de medicamentos \u00a0 ENTIDAD PROMOTORA DE SALUD-Suministro de medicamentos a menor\/ENTIDAD PROMOTORA DE SALUD-Repetici\u00f3n contra el Fosyga \u00a0 Reiteraci\u00f3n de Jurisprudencia \u00a0 Referencia: expediente T-735365 \u00a0 Acci\u00f3n de tutela instaurada por Ver\u00f3nica Medina Bonilla en representaci\u00f3n de su hijo menor Juan Felipe Prado Medina en ...<br \/><div class=\"pt-cv-rmwrap\"><a href=\"https:\/\/www.dmsjuridica.com\/buscador_20179478954\/corteconstitucionalcronologico202454587\/t-590-03\/\" class=\"_self pt-cv-readmore btn btn-success\" target=\"_self\">Ver Sentencia Completa...<\/a><\/div><\/div><\/div><\/div>\n<div class=\"col-md-12 col-sm-12 col-xs-12 pt-cv-content-item pt-cv-1-col\" ><div class='pt-cv-ifield'><a href=\"https:\/\/www.dmsjuridica.com\/buscador_20179478954\/corteconstitucionalcronologico202454587\/t-589-03\/\" class=\"_self pt-cv-href-thumbnail pt-cv-thumb-default\" target=\"_self\" ><\/a>\n<div class=\"pt-cv-taxoterm above_title\"><a href='https:\/\/www.dmsjuridica.com\/buscador_20179478954\/corteconstitucionalcronologico202454587\/category\/buscar-en-toda-la-corte\/2003\/tutelas-2003\/' title='Tutelas 2003' class='pt-cv-tax-tutelas-2003'>Tutelas 2003<\/a><\/div>\n<h4 class=\"pt-cv-title\"><a href=\"https:\/\/www.dmsjuridica.com\/buscador_20179478954\/corteconstitucionalcronologico202454587\/t-589-03\/\" class=\"_self\" target=\"_self\" >T-589-03<\/a><\/h4>\n<div class=\"pt-cv-content\">\u00a0 \u00a0 Sentencia T-589\/03 \u00a0 ACCION DE TUTELA CONTRA PROVIDENCIAS JUDICIALES-Tesis de la Sala de Casaci\u00f3n Laboral de la Corte Suprema de Justicia \u00a0 A juicio de la Sala de Casaci\u00f3n Laboral de la Corte Suprema de Justicia, el juez de tutela no tiene la facultad de inmiscuirse en las decisiones adoptadas aut\u00f3nomamente por los jueces ordinarios. En ese sentido, predicar la existencia de decisiones judiciales que incurren en v\u00edas de hecho, es darle cabida en el sistema jur\u00eddico a la vulneraci\u00f3n de los principios de autonom\u00eda judicial y de cosa juzgada.\u00a0 \u00a0 ACCION DE TUTELA CONTRA PROVIDENCIAS JUDICIALES-Tesis de ...<br \/><div class=\"pt-cv-rmwrap\"><a href=\"https:\/\/www.dmsjuridica.com\/buscador_20179478954\/corteconstitucionalcronologico202454587\/t-589-03\/\" class=\"_self pt-cv-readmore btn btn-success\" target=\"_self\">Ver Sentencia Completa...<\/a><\/div><\/div><\/div><\/div>\n<div class=\"col-md-12 col-sm-12 col-xs-12 pt-cv-content-item pt-cv-1-col\" ><div class='pt-cv-ifield'><a href=\"https:\/\/www.dmsjuridica.com\/buscador_20179478954\/corteconstitucionalcronologico202454587\/t-588-03\/\" class=\"_self pt-cv-href-thumbnail pt-cv-thumb-default\" target=\"_self\" ><\/a>\n<div class=\"pt-cv-taxoterm above_title\"><a href='https:\/\/www.dmsjuridica.com\/buscador_20179478954\/corteconstitucionalcronologico202454587\/category\/buscar-en-toda-la-corte\/2003\/tutelas-2003\/' title='Tutelas 2003' class='pt-cv-tax-tutelas-2003'>Tutelas 2003<\/a><\/div>\n<h4 class=\"pt-cv-title\"><a href=\"https:\/\/www.dmsjuridica.com\/buscador_20179478954\/corteconstitucionalcronologico202454587\/t-588-03\/\" class=\"_self\" target=\"_self\" >T-588-03<\/a><\/h4>\n<div class=\"pt-cv-content\">\u00a0 \u00a0 Sentencia T-588\/03 \u00a0 DERECHO DE PETICION EN MATERIA PENSIONAL-T\u00e9rmino para resolver \u00a0 Cuando el derecho de petici\u00f3n es ejercido frente a entidades o personas a cuyo cargo existe la obligaci\u00f3n de reconocimiento y pago de pensiones, los t\u00e9rminos constitucionales para resolver sobre las peticiones son los siguientes: (i) de quince d\u00edas h\u00e1biles (cuando se trata de recursos en el tr\u00e1mite administrativo o de peticiones de informaci\u00f3n general sobre el tr\u00e1mite adelantado), (ii) de cuatro meses (cuando se trata de peticiones enderezadas al reconocimiento de pensiones) y (iii) de seis meses (cuando se trata de peticiones o de tr\u00e1mites ...<br \/><div class=\"pt-cv-rmwrap\"><a href=\"https:\/\/www.dmsjuridica.com\/buscador_20179478954\/corteconstitucionalcronologico202454587\/t-588-03\/\" class=\"_self pt-cv-readmore btn btn-success\" target=\"_self\">Ver Sentencia Completa...<\/a><\/div><\/div><\/div><\/div>\n<div class=\"col-md-12 col-sm-12 col-xs-12 pt-cv-content-item pt-cv-1-col\" ><div class='pt-cv-ifield'><a href=\"https:\/\/www.dmsjuridica.com\/buscador_20179478954\/corteconstitucionalcronologico202454587\/t-587-03\/\" class=\"_self pt-cv-href-thumbnail pt-cv-thumb-default\" target=\"_self\" ><\/a>\n<div class=\"pt-cv-taxoterm above_title\"><a href='https:\/\/www.dmsjuridica.com\/buscador_20179478954\/corteconstitucionalcronologico202454587\/category\/buscar-en-toda-la-corte\/2003\/tutelas-2003\/' title='Tutelas 2003' class='pt-cv-tax-tutelas-2003'>Tutelas 2003<\/a><\/div>\n<h4 class=\"pt-cv-title\"><a href=\"https:\/\/www.dmsjuridica.com\/buscador_20179478954\/corteconstitucionalcronologico202454587\/t-587-03\/\" class=\"_self\" target=\"_self\" >T-587-03<\/a><\/h4>\n<div class=\"pt-cv-content\">\u00a0 \u00a0 \u00a0\u00a0 \u00a0 \u00a0 \u00a0 \u00a0 \u00a0 \u00a0 \u00a0 \u00a0 \u00a0 \u00a0 \u00a0 \u00a0 \u00a0 \u00a0 \u00a0 \u00a0 \u00a0 \u00a0 \u00a0 \u00a0 \u00a0 \u00a0 \u00a0 \u00a0 \u00a0 \u00a0 \u00a0 \u00a0 \u00a0 \u00a0 \u00a0 \u00a0 \u00a0 \u00a0 \u00a0 \u00a0 \u00a0 \u00a0 \u00a0 \u00a0 \u00a0 \u00a0 \u00a0 \u00a0 \u00a0 \u00a0 \u00a0 \u00a0 \u00a0 \u00a0 \u00a0 \u00a0 \u00a0 \u00a0 \u00a0 \u00a0 \u00a0 \u00a0 \u00a0 \u00a0 \u00a0 \u00a0 \u00a0 \u00a0 \u00a0 \u00a0 \u00a0 \u00a0 \u00a0 \u00a0 \u00a0 \u00a0 \u00a0 \u00a0 \u00a0 \u00a0 \u00a0 \u00a0 \u00a0 \u00a0 \u00a0 \u00a0 \u00a0 \u00a0 \u00a0 \u00a0 \u00a0 \u00a0 \u00a0 \u00a0 \u00a0 \u00a0 \u00a0 \u00a0 \u00a0 \u00a0 \u00a0 ...<br \/><div class=\"pt-cv-rmwrap\"><a href=\"https:\/\/www.dmsjuridica.com\/buscador_20179478954\/corteconstitucionalcronologico202454587\/t-587-03\/\" class=\"_self pt-cv-readmore btn btn-success\" target=\"_self\">Ver Sentencia Completa...<\/a><\/div><\/div><\/div><\/div>\n<div class=\"col-md-12 col-sm-12 col-xs-12 pt-cv-content-item pt-cv-1-col\" ><div class='pt-cv-ifield'><a href=\"https:\/\/www.dmsjuridica.com\/buscador_20179478954\/corteconstitucionalcronologico202454587\/t-586-03\/\" class=\"_self pt-cv-href-thumbnail pt-cv-thumb-default\" target=\"_self\" ><\/a>\n<div class=\"pt-cv-taxoterm above_title\"><a href='https:\/\/www.dmsjuridica.com\/buscador_20179478954\/corteconstitucionalcronologico202454587\/category\/buscar-en-toda-la-corte\/2003\/tutelas-2003\/' title='Tutelas 2003' class='pt-cv-tax-tutelas-2003'>Tutelas 2003<\/a><\/div>\n<h4 class=\"pt-cv-title\"><a href=\"https:\/\/www.dmsjuridica.com\/buscador_20179478954\/corteconstitucionalcronologico202454587\/t-586-03\/\" class=\"_self\" target=\"_self\" >T-586-03<\/a><\/h4>\n<div class=\"pt-cv-content\">\u00a0 \u00a0 \u00a0\u00a0 \u00a0 \u00a0 \u00a0 \u00a0 \u00a0 \u00a0 \u00a0 \u00a0 \u00a0 \u00a0 \u00a0 \u00a0 \u00a0 \u00a0 \u00a0 \u00a0 \u00a0 \u00a0 \u00a0 \u00a0 \u00a0 \u00a0 \u00a0 \u00a0 \u00a0 \u00a0 \u00a0 \u00a0 \u00a0 \u00a0 \u00a0 \u00a0 \u00a0 \u00a0 \u00a0 \u00a0 \u00a0 \u00a0 \u00a0 \u00a0 \u00a0 \u00a0 \u00a0 \u00a0 \u00a0 \u00a0 \u00a0 \u00a0 \u00a0 \u00a0 \u00a0 \u00a0 \u00a0 \u00a0 \u00a0 \u00a0 \u00a0 \u00a0 \u00a0 \u00a0 \u00a0 \u00a0 \u00a0 \u00a0 \u00a0 \u00a0 \u00a0 \u00a0 \u00a0 \u00a0 \u00a0 \u00a0 \u00a0 \u00a0 \u00a0 \u00a0 \u00a0 \u00a0 \u00a0 \u00a0 \u00a0 \u00a0 \u00a0 \u00a0 \u00a0 \u00a0 \u00a0 \u00a0 \u00a0 \u00a0 \u00a0 \u00a0 \u00a0 \u00a0 \u00a0 \u00a0 \u00a0 ...<br \/><div class=\"pt-cv-rmwrap\"><a href=\"https:\/\/www.dmsjuridica.com\/buscador_20179478954\/corteconstitucionalcronologico202454587\/t-586-03\/\" class=\"_self pt-cv-readmore btn btn-success\" target=\"_self\">Ver Sentencia Completa...<\/a><\/div><\/div><\/div><\/div>\n<div class=\"col-md-12 col-sm-12 col-xs-12 pt-cv-content-item pt-cv-1-col\" ><div class='pt-cv-ifield'><a href=\"https:\/\/www.dmsjuridica.com\/buscador_20179478954\/corteconstitucionalcronologico202454587\/t-585-03\/\" class=\"_self pt-cv-href-thumbnail pt-cv-thumb-default\" target=\"_self\" ><\/a>\n<div class=\"pt-cv-taxoterm above_title\"><a href='https:\/\/www.dmsjuridica.com\/buscador_20179478954\/corteconstitucionalcronologico202454587\/category\/buscar-en-toda-la-corte\/2003\/tutelas-2003\/' title='Tutelas 2003' class='pt-cv-tax-tutelas-2003'>Tutelas 2003<\/a><\/div>\n<h4 class=\"pt-cv-title\"><a href=\"https:\/\/www.dmsjuridica.com\/buscador_20179478954\/corteconstitucionalcronologico202454587\/t-585-03\/\" class=\"_self\" target=\"_self\" >T-585-03<\/a><\/h4>\n<div class=\"pt-cv-content\">\u00a0 \u00a0 Sentencia T-585\/03 \u00a0 DERECHO A LA PENSION DE VEJEZ-Fundamental por conexidad \u00a0 CUOTAS PARTES-Concepto \u00a0 PENSIONES-T\u00e9rmino de cuatro meses para decidir solicitudes \u00a0 El m\u00e1ximo plazo para decidir o contestar una solicitud relacionada con pensiones de vejez invalidez y sobrevivencia es de cuatro meses seg\u00fan el Decreto 656 de 1994 para dar respuesta a la solicitud en materia de pensi\u00f3n en las sociedades administradoras de fondos del r\u00e9gimen de ahorro individual. \u00a0 PENSIONES-T\u00e9rmino de seis meses para tr\u00e1mite y pago\/RECURSOS SOBRE RECONOCIMIENTO DE PENSIONES-T\u00e9rmino de quince d\u00edas h\u00e1biles \u00a0 La Ley 700 de 2001 en su art\u00edculo 4\u00ba ...<br \/><div class=\"pt-cv-rmwrap\"><a href=\"https:\/\/www.dmsjuridica.com\/buscador_20179478954\/corteconstitucionalcronologico202454587\/t-585-03\/\" class=\"_self pt-cv-readmore btn btn-success\" target=\"_self\">Ver Sentencia Completa...<\/a><\/div><\/div><\/div><\/div>\n<div class=\"col-md-12 col-sm-12 col-xs-12 pt-cv-content-item pt-cv-1-col\" ><div class='pt-cv-ifield'><a href=\"https:\/\/www.dmsjuridica.com\/buscador_20179478954\/corteconstitucionalcronologico202454587\/t-584-03\/\" class=\"_self pt-cv-href-thumbnail pt-cv-thumb-default\" target=\"_self\" ><\/a>\n<div class=\"pt-cv-taxoterm above_title\"><a href='https:\/\/www.dmsjuridica.com\/buscador_20179478954\/corteconstitucionalcronologico202454587\/category\/buscar-en-toda-la-corte\/2003\/tutelas-2003\/' title='Tutelas 2003' class='pt-cv-tax-tutelas-2003'>Tutelas 2003<\/a><\/div>\n<h4 class=\"pt-cv-title\"><a href=\"https:\/\/www.dmsjuridica.com\/buscador_20179478954\/corteconstitucionalcronologico202454587\/t-584-03\/\" class=\"_self\" target=\"_self\" >T-584-03<\/a><\/h4>\n<div class=\"pt-cv-content\">\u00a0 \u00a0 \u00a0\u00a0 Sentencia T-584\/03\u00a0 \u00a0 ACCION DE TUTELA-Improcedencia para ordenar reconocimiento de pensiones \u00a0 ACCION DE TUTELA TRANSITORIA-Procedencia \u00a0 JUEZ DE TUTELA-Improcedencia para adicionar su propio fallo \u00a0 Despu\u00e9s de la fecha del fallo de segunda instancia, no hay lugar a actuaci\u00f3n alguna diferente a la de notificaci\u00f3n de la sentencia y remisi\u00f3n del expediente a la Corte Constitucional. Por consiguiente, no hay lugar para la adici\u00f3n de sentencia. El objetivo de la segunda instancia es confirmar la decisi\u00f3n del a-quo o revocarla, si el fallo impugnado carece de fundamento. As\u00ed lo determina el art\u00edculo 32 del decreto 2591 ...<br \/><div class=\"pt-cv-rmwrap\"><a href=\"https:\/\/www.dmsjuridica.com\/buscador_20179478954\/corteconstitucionalcronologico202454587\/t-584-03\/\" class=\"_self pt-cv-readmore btn btn-success\" target=\"_self\">Ver Sentencia Completa...<\/a><\/div><\/div><\/div><\/div>\n<div class=\"col-md-12 col-sm-12 col-xs-12 pt-cv-content-item pt-cv-1-col\" ><div class='pt-cv-ifield'><a href=\"https:\/\/www.dmsjuridica.com\/buscador_20179478954\/corteconstitucionalcronologico202454587\/t-583-03\/\" class=\"_self pt-cv-href-thumbnail pt-cv-thumb-default\" target=\"_self\" ><\/a>\n<div class=\"pt-cv-taxoterm above_title\"><a href='https:\/\/www.dmsjuridica.com\/buscador_20179478954\/corteconstitucionalcronologico202454587\/category\/buscar-en-toda-la-corte\/2003\/tutelas-2003\/' title='Tutelas 2003' class='pt-cv-tax-tutelas-2003'>Tutelas 2003<\/a><\/div>\n<h4 class=\"pt-cv-title\"><a href=\"https:\/\/www.dmsjuridica.com\/buscador_20179478954\/corteconstitucionalcronologico202454587\/t-583-03\/\" class=\"_self\" target=\"_self\" >T-583-03<\/a><\/h4>\n<div class=\"pt-cv-content\">\u00a0 \u00a0 Sentencia T-583\/03 \u00a0 LIBRE COMPETENCIA-Derecho individual que supone responsabilidades \u00a0 COMPETENCIA ECONOMICA-Protecci\u00f3n del inter\u00e9s p\u00fablico \u00a0 LIBERTAD ECONOMICA-L\u00edmites\/LIBERTAD ECONOMICA-No es absoluta \u00a0 COMPETENCIA DESLEAL-Actividad reprochable \u00a0 COMPETENCIA DESLEAL-Antecedentes normativos \u00a0 SUPERINTENDENCIA DE INDUSTRIA Y COMERCIO EN COMPETENCIA DESLEAL-Funciones administrativas y jurisdiccionales\/DEBIDO PROCESO-Informaci\u00f3n al interesado por la Superintendencia de Industria y Comercio de la funci\u00f3n que ejerce \u00a0 La Superintendencia de Industria y Comercio est\u00e1 facultada para adelantar, respecto de una misma conducta constitutiva de competencia desleal, investigaciones tanto administrativas como jurisdiccionales, pero est\u00e1 obligada a informar al interesado o persona contra quien se dirija la misma qu\u00e9 tipo ...<br \/><div class=\"pt-cv-rmwrap\"><a href=\"https:\/\/www.dmsjuridica.com\/buscador_20179478954\/corteconstitucionalcronologico202454587\/t-583-03\/\" class=\"_self pt-cv-readmore btn btn-success\" target=\"_self\">Ver Sentencia Completa...<\/a><\/div><\/div><\/div><\/div>\n<div class=\"col-md-12 col-sm-12 col-xs-12 pt-cv-content-item pt-cv-1-col\" ><div class='pt-cv-ifield'><a href=\"https:\/\/www.dmsjuridica.com\/buscador_20179478954\/corteconstitucionalcronologico202454587\/t-582-03\/\" class=\"_self pt-cv-href-thumbnail pt-cv-thumb-default\" target=\"_self\" ><\/a>\n<div class=\"pt-cv-taxoterm above_title\"><a href='https:\/\/www.dmsjuridica.com\/buscador_20179478954\/corteconstitucionalcronologico202454587\/category\/buscar-en-toda-la-corte\/2003\/tutelas-2003\/' title='Tutelas 2003' class='pt-cv-tax-tutelas-2003'>Tutelas 2003<\/a><\/div>\n<h4 class=\"pt-cv-title\"><a href=\"https:\/\/www.dmsjuridica.com\/buscador_20179478954\/corteconstitucionalcronologico202454587\/t-582-03\/\" class=\"_self\" target=\"_self\" >T-582-03<\/a><\/h4>\n<div class=\"pt-cv-content\">\u00a0 \u00a0 Sentencia T-582\/03 \u00a0 DERECHOS FUNDAMENTALES-No vulneraci\u00f3n por descontar de las mesadas pensionales el porcentaje a cotizaci\u00f3n en salud \u00a0 No existen fundamentos para afirmar que la entidad accionada vulner\u00f3 los derechos fundamentales de los actores por el s\u00f3lo hecho de descontar de sus mesadas pensionales el porcentaje correspondiente a cotizaci\u00f3n en salud. La sola realizaci\u00f3n de un descuento de esa \u00edndole es insuficiente para afirmar la vulneraci\u00f3n de derecho fundamental alguno pues los pensionados contin\u00faan recibiendo sus mesadas cumplidamente y en tanto ello siga siendo as\u00ed tienen asegurado el ingreso que les permite la satisfacci\u00f3n de sus necesidades ...<br \/><div class=\"pt-cv-rmwrap\"><a href=\"https:\/\/www.dmsjuridica.com\/buscador_20179478954\/corteconstitucionalcronologico202454587\/t-582-03\/\" class=\"_self pt-cv-readmore btn btn-success\" target=\"_self\">Ver Sentencia Completa...<\/a><\/div><\/div><\/div><\/div>\n<div class=\"col-md-12 col-sm-12 col-xs-12 pt-cv-content-item pt-cv-1-col\" ><div class='pt-cv-ifield'><a href=\"https:\/\/www.dmsjuridica.com\/buscador_20179478954\/corteconstitucionalcronologico202454587\/t-581-03\/\" class=\"_self pt-cv-href-thumbnail pt-cv-thumb-default\" target=\"_self\" ><\/a>\n<div class=\"pt-cv-taxoterm above_title\"><a href='https:\/\/www.dmsjuridica.com\/buscador_20179478954\/corteconstitucionalcronologico202454587\/category\/buscar-en-toda-la-corte\/2003\/tutelas-2003\/' title='Tutelas 2003' class='pt-cv-tax-tutelas-2003'>Tutelas 2003<\/a><\/div>\n<h4 class=\"pt-cv-title\"><a href=\"https:\/\/www.dmsjuridica.com\/buscador_20179478954\/corteconstitucionalcronologico202454587\/t-581-03\/\" class=\"_self\" target=\"_self\" >T-581-03<\/a><\/h4>\n<div class=\"pt-cv-content\">\u00a0 \u00a0 Sentencia T-581\/03 \u00a0 DERECHO DE PETICION-Alcance \u00a0 DERECHO DE PETICION-Doble finalidad \u00a0 DERECHO DE PETICION-N\u00facleo esencial \u00a0 DERECHO DE PETICION EN VIA GUBERNATIVA-Resoluci\u00f3n oportuna de recursos \u00a0 RECURSO DE REPOSICION-T\u00e9rmino para resolver reconocimiento de pensi\u00f3n \u00a0 Reiteraci\u00f3n de Jurisprudencia \u00a0 \u00a0 Referencia: expediente T-728666 \u00a0 Acci\u00f3n de tutela promovida por Francisco Angulo contra la Alcald\u00eda Municipal de Tumaco. \u00a0 Magistrado Ponente:\u00a0 \u00a0 Dr. RODRIGO ESCOBAR GIL \u00a0 Bogot\u00e1, D.C., diecis\u00e9is (16) de julio de dos mil tres (2003). \u00a0 La Sala Quinta de Revisi\u00f3n de la Corte Constitucional, integrada por los Magistrados Rodrigo Escobar Gil, Marco Gerardo Monroy ...<br \/><div class=\"pt-cv-rmwrap\"><a href=\"https:\/\/www.dmsjuridica.com\/buscador_20179478954\/corteconstitucionalcronologico202454587\/t-581-03\/\" class=\"_self pt-cv-readmore btn btn-success\" target=\"_self\">Ver Sentencia Completa...<\/a><\/div><\/div><\/div><\/div>\n<div class=\"col-md-12 col-sm-12 col-xs-12 pt-cv-content-item pt-cv-1-col\" ><div class='pt-cv-ifield'><a href=\"https:\/\/www.dmsjuridica.com\/buscador_20179478954\/corteconstitucionalcronologico202454587\/t-580-03\/\" class=\"_self pt-cv-href-thumbnail pt-cv-thumb-default\" target=\"_self\" ><\/a>\n<div class=\"pt-cv-taxoterm above_title\"><a href='https:\/\/www.dmsjuridica.com\/buscador_20179478954\/corteconstitucionalcronologico202454587\/category\/buscar-en-toda-la-corte\/2003\/tutelas-2003\/' title='Tutelas 2003' class='pt-cv-tax-tutelas-2003'>Tutelas 2003<\/a><\/div>\n<h4 class=\"pt-cv-title\"><a href=\"https:\/\/www.dmsjuridica.com\/buscador_20179478954\/corteconstitucionalcronologico202454587\/t-580-03\/\" class=\"_self\" target=\"_self\" >T-580-03<\/a><\/h4>\n<div class=\"pt-cv-content\">\u00a0 \u00a0 Sentencia T-580\/03 \u00a0 DERECHO AL MINIMO VITAL DEL PENSIONADO-Pago oportuno de mesadas \u00a0 DERECHO AL MINIMO VITAL DEL PENSIONADO-Presunci\u00f3n de afectaci\u00f3n por ausencia prolongada en pago de mesadas \u00a0 EMPLEADOR-Situaci\u00f3n econ\u00f3mica o presupuestal no es \u00f3bice para desconocer pago de mesadas pensionales \u00a0 DERECHOS DEL PENSIONADO-Papel del juez de tutela para impartir orden que conlleve a la efectividad de los derechos del tutelante \u00a0 MADRE CABEZA DE FAMILIA-Protecci\u00f3n \u00a0 Reiteraci\u00f3n de Jurisprudencia \u00a0 Referencia: expediente T-725944 \u00a0 Acci\u00f3n de tutela instaurada por Mar\u00eda Cecilia Quintero contra el Hospital Universitario Ram\u00f3n Gonz\u00e1lez Valencia \u00a0 Magistrado Ponente: \u00a0 Dr. RODRIGO ...<br \/><div class=\"pt-cv-rmwrap\"><a href=\"https:\/\/www.dmsjuridica.com\/buscador_20179478954\/corteconstitucionalcronologico202454587\/t-580-03\/\" class=\"_self pt-cv-readmore btn btn-success\" target=\"_self\">Ver Sentencia Completa...<\/a><\/div><\/div><\/div><\/div>\n<div class=\"col-md-12 col-sm-12 col-xs-12 pt-cv-content-item pt-cv-1-col\" ><div class='pt-cv-ifield'><a href=\"https:\/\/www.dmsjuridica.com\/buscador_20179478954\/corteconstitucionalcronologico202454587\/t-579-03\/\" class=\"_self pt-cv-href-thumbnail pt-cv-thumb-default\" target=\"_self\" ><\/a>\n<div class=\"pt-cv-taxoterm above_title\"><a href='https:\/\/www.dmsjuridica.com\/buscador_20179478954\/corteconstitucionalcronologico202454587\/category\/buscar-en-toda-la-corte\/2003\/tutelas-2003\/' title='Tutelas 2003' class='pt-cv-tax-tutelas-2003'>Tutelas 2003<\/a><\/div>\n<h4 class=\"pt-cv-title\"><a href=\"https:\/\/www.dmsjuridica.com\/buscador_20179478954\/corteconstitucionalcronologico202454587\/t-579-03\/\" class=\"_self\" target=\"_self\" >T-579-03<\/a><\/h4>\n<div class=\"pt-cv-content\">\u00a0 \u00a0 Sentencia T-579\/03 \u00a0 LICENCIA DE MATERNIDAD-Procedencia excepcional de tutela para el pago \u00a0 Reiteraci\u00f3n de Jurisprudencia \u00a0 Referencia: expediente T-722538 \u00a0 Acci\u00f3n de tutela instaurada por Alba Guerrero Pinz\u00f3n contra SaludCoop E.P.S. Seccional Barranquilla. \u00a0 Magistrado Ponente: \u00a0 Dr. RODRIGO ESCOBAR GIL \u00a0 Bogot\u00e1, D.C., diecis\u00e9is (16) de julio de dos mil tres (2003). \u00a0 La Sala Quinta de Revisi\u00f3n de la Corte Constitucional, en ejercicio de sus competencias constitucionales y legales, en particular las contenidas en los art\u00edculos 86 y 241, numeral 9, de la Constituci\u00f3n y el Decreto 2591 de 1991, ha proferido la siguiente \u00a0 ...<br \/><div class=\"pt-cv-rmwrap\"><a href=\"https:\/\/www.dmsjuridica.com\/buscador_20179478954\/corteconstitucionalcronologico202454587\/t-579-03\/\" class=\"_self pt-cv-readmore btn btn-success\" target=\"_self\">Ver Sentencia Completa...<\/a><\/div><\/div><\/div><\/div>\n<div class=\"col-md-12 col-sm-12 col-xs-12 pt-cv-content-item pt-cv-1-col\" ><div class='pt-cv-ifield'><a href=\"https:\/\/www.dmsjuridica.com\/buscador_20179478954\/corteconstitucionalcronologico202454587\/t-578-03\/\" class=\"_self pt-cv-href-thumbnail pt-cv-thumb-default\" target=\"_self\" ><\/a>\n<div class=\"pt-cv-taxoterm above_title\"><a href='https:\/\/www.dmsjuridica.com\/buscador_20179478954\/corteconstitucionalcronologico202454587\/category\/buscar-en-toda-la-corte\/2003\/tutelas-2003\/' title='Tutelas 2003' class='pt-cv-tax-tutelas-2003'>Tutelas 2003<\/a><\/div>\n<h4 class=\"pt-cv-title\"><a href=\"https:\/\/www.dmsjuridica.com\/buscador_20179478954\/corteconstitucionalcronologico202454587\/t-578-03\/\" class=\"_self\" target=\"_self\" >T-578-03<\/a><\/h4>\n<div class=\"pt-cv-content\">\u00a0 \u00a0 Sentencia T-578\/03 \u00a0 DERECHO A LA SALUD-Fundamental por conexidad \u00a0 DERECHO A LA SALUD-Prestaci\u00f3n de servicios excluidos del POS \u00a0 INAPLICACION DE NORMAS DEL PLAN OBLIGATORIO DE SALUD-Casos en que procede por exclusi\u00f3n de tratamientos y medicamentos de alto costo \u00a0 ENFERMO DE SIDA-No suministro de medicamento no amenaza la vida \u00a0 DERECHO A LA ENTREGA DEL MEDICAMENTO-No se prob\u00f3 incapacidad econ\u00f3mica para adquirirlo ni afectaci\u00f3n de derecho fundamental \u00a0 Reiteraci\u00f3n de Jurisprudencia \u00a0 \u00a0 Referencia: expediente T-691453 \u00a0 Acci\u00f3n de tutela instaurada por MAURICIO ANDR\u00c9S L\u00d3PEZ CASTRILLON contra E.P.S. SUSALUD \u00a0 Magistrado Ponente: \u00a0 Dr. RODRIGO ESCOBAR ...<br \/><div class=\"pt-cv-rmwrap\"><a href=\"https:\/\/www.dmsjuridica.com\/buscador_20179478954\/corteconstitucionalcronologico202454587\/t-578-03\/\" class=\"_self pt-cv-readmore btn btn-success\" target=\"_self\">Ver Sentencia Completa...<\/a><\/div><\/div><\/div><\/div>\n<div class=\"col-md-12 col-sm-12 col-xs-12 pt-cv-content-item pt-cv-1-col\" ><div class='pt-cv-ifield'><a href=\"https:\/\/www.dmsjuridica.com\/buscador_20179478954\/corteconstitucionalcronologico202454587\/t-577-03\/\" class=\"_self pt-cv-href-thumbnail pt-cv-thumb-default\" target=\"_self\" ><\/a>\n<div class=\"pt-cv-taxoterm above_title\"><a href='https:\/\/www.dmsjuridica.com\/buscador_20179478954\/corteconstitucionalcronologico202454587\/category\/buscar-en-toda-la-corte\/2003\/tutelas-2003\/' title='Tutelas 2003' class='pt-cv-tax-tutelas-2003'>Tutelas 2003<\/a><\/div>\n<h4 class=\"pt-cv-title\"><a href=\"https:\/\/www.dmsjuridica.com\/buscador_20179478954\/corteconstitucionalcronologico202454587\/t-577-03\/\" class=\"_self\" target=\"_self\" >T-577-03<\/a><\/h4>\n<div class=\"pt-cv-content\">\u00a0 \u00a0 Sentencia T-577\/03 \u00a0 MUJER TRABAJADORA EMBARAZADA-Protecci\u00f3n constitucional especial\/DERECHO A LA ESTABILIDAD LABORAL REFORZADA DE MUJER EMBARAZADA-Protecci\u00f3n \u00a0 ACCION DE TUTELA TRANSITORIA DE MUJER EMBARAZADA-Elementos f\u00e1cticos que deben demostrarse \u00a0 ACCION DE TUTELA TRANSITORIA DE MUJER EMBARAZADA-Improcedencia por no reunir los elementos f\u00e1cticos \u00a0 De acuerdo con las pruebas allegadas al expediente, en el presente caso la tutela no esta llamada a prosperar ya que no se cumplen las condiciones fijadas por la jurisprudencia para ordenar la protecci\u00f3n especial de la mujer embarazada. Varias razones apoyan tal conclusi\u00f3n: 1. La causa del despido de la peticionaria no fue motivado ...<br \/><div class=\"pt-cv-rmwrap\"><a href=\"https:\/\/www.dmsjuridica.com\/buscador_20179478954\/corteconstitucionalcronologico202454587\/t-577-03\/\" class=\"_self pt-cv-readmore btn btn-success\" target=\"_self\">Ver Sentencia Completa...<\/a><\/div><\/div><\/div><\/div>\n<div class=\"col-md-12 col-sm-12 col-xs-12 pt-cv-content-item pt-cv-1-col\" ><div class='pt-cv-ifield'><a href=\"https:\/\/www.dmsjuridica.com\/buscador_20179478954\/corteconstitucionalcronologico202454587\/t-576-03\/\" class=\"_self pt-cv-href-thumbnail pt-cv-thumb-default\" target=\"_self\" ><\/a>\n<div class=\"pt-cv-taxoterm above_title\"><a href='https:\/\/www.dmsjuridica.com\/buscador_20179478954\/corteconstitucionalcronologico202454587\/category\/buscar-en-toda-la-corte\/2003\/tutelas-2003\/' title='Tutelas 2003' class='pt-cv-tax-tutelas-2003'>Tutelas 2003<\/a><\/div>\n<h4 class=\"pt-cv-title\"><a href=\"https:\/\/www.dmsjuridica.com\/buscador_20179478954\/corteconstitucionalcronologico202454587\/t-576-03\/\" class=\"_self\" target=\"_self\" >T-576-03<\/a><\/h4>\n<div class=\"pt-cv-content\">\u00a0 \u00a0 Sentencia T-576\/03 \u00a0 DERECHO A LA SALUD-Fundamental por conexidad\/DERECHO A LA VIDA DIGNA-Condiciones de gravedad \u00a0 DERECHO A LA VIDA-Demora en autorizaci\u00f3n de pr\u00e1ctica de tratamiento recomendado por el m\u00e9dico tratante \u00a0 ENTIDAD PROMOTORA DE SALUD Y JUEZ DE TUTELA-Establecimiento de car\u00e1cter est\u00e9tico o cosm\u00e9tico de cirug\u00eda requerida\/DERECHO A LA SALUD-Necesidad de cirug\u00eda que no tiene principalmente fines est\u00e9ticos \u00a0 INAPLICACION DE NORMAS DEL PLAN OBLIGATORIO DE SALUD-Exclusi\u00f3n de tratamientos y medicamentos \u00a0 DERECHO A LA INTEGRIDAD PERSONAL-Tratamiento odontol\u00f3gico que no tiene fines est\u00e9ticos \u00a0 ENTIDAD PROMOTORA DE SALUD-Repetici\u00f3n contra el Fosyga \u00a0 Referencia: expediente T-739009 \u00a0 Procedencia: ...<br \/><div class=\"pt-cv-rmwrap\"><a href=\"https:\/\/www.dmsjuridica.com\/buscador_20179478954\/corteconstitucionalcronologico202454587\/t-576-03\/\" class=\"_self pt-cv-readmore btn btn-success\" target=\"_self\">Ver Sentencia Completa...<\/a><\/div><\/div><\/div><\/div>\n<div class=\"col-md-12 col-sm-12 col-xs-12 pt-cv-content-item pt-cv-1-col\" ><div class='pt-cv-ifield'><a href=\"https:\/\/www.dmsjuridica.com\/buscador_20179478954\/corteconstitucionalcronologico202454587\/t-575-03\/\" class=\"_self pt-cv-href-thumbnail pt-cv-thumb-default\" target=\"_self\" ><\/a>\n<div class=\"pt-cv-taxoterm above_title\"><a href='https:\/\/www.dmsjuridica.com\/buscador_20179478954\/corteconstitucionalcronologico202454587\/category\/buscar-en-toda-la-corte\/2003\/tutelas-2003\/' title='Tutelas 2003' class='pt-cv-tax-tutelas-2003'>Tutelas 2003<\/a><\/div>\n<h4 class=\"pt-cv-title\"><a href=\"https:\/\/www.dmsjuridica.com\/buscador_20179478954\/corteconstitucionalcronologico202454587\/t-575-03\/\" class=\"_self\" target=\"_self\" >T-575-03<\/a><\/h4>\n<div class=\"pt-cv-content\">\u00a0 \u00a0 Sentencia T-575\/03 \u00a0 PROCESO DE LIQUIDACION FORZOSA ADMINISTRATIVA-Protecci\u00f3n a la igualdad de acreedores\/PROCESO DE LIQUIDACION OBLIGATORIA-Pago preferente de salarios y mesadas pensionales \u00a0 CONCORDATO PREVENTIVO OBLIGATORIO-Pago de mesadas pensionales\/PENSION DE JUBILACION-Pago en proceso concordatario \u00a0 ACCION DE TUTELA FRENTE A MEDIO DE DEFENSA JUDICIAL-Procedencia como mecanismo transitorio para evitar un perjuicio irremediable \u00a0 ACCION DE TUTELA-Pago de salarios aun cuando ya no exista vinculaci\u00f3n a la empresa \u00a0 ACCION DE TUTELA EN TRAMITE CONCURSAL-Procedencia pago de salarios y mesadas pensionales por afectaci\u00f3n del m\u00ednimo vital\/ACCION DE TUTELA EN TRAMITE CONCURSAL-Improcedencia pago de prestaciones sociales y aportes a seguridad ...<br \/><div class=\"pt-cv-rmwrap\"><a href=\"https:\/\/www.dmsjuridica.com\/buscador_20179478954\/corteconstitucionalcronologico202454587\/t-575-03\/\" class=\"_self pt-cv-readmore btn btn-success\" target=\"_self\">Ver Sentencia Completa...<\/a><\/div><\/div><\/div><\/div>\n<div class=\"col-md-12 col-sm-12 col-xs-12 pt-cv-content-item pt-cv-1-col\" ><div class='pt-cv-ifield'><a href=\"https:\/\/www.dmsjuridica.com\/buscador_20179478954\/corteconstitucionalcronologico202454587\/t-565-03\/\" class=\"_self pt-cv-href-thumbnail pt-cv-thumb-default\" target=\"_self\" ><\/a>\n<div class=\"pt-cv-taxoterm above_title\"><a href='https:\/\/www.dmsjuridica.com\/buscador_20179478954\/corteconstitucionalcronologico202454587\/category\/buscar-en-toda-la-corte\/2003\/tutelas-2003\/' title='Tutelas 2003' class='pt-cv-tax-tutelas-2003'>Tutelas 2003<\/a><\/div>\n<h4 class=\"pt-cv-title\"><a href=\"https:\/\/www.dmsjuridica.com\/buscador_20179478954\/corteconstitucionalcronologico202454587\/t-565-03\/\" class=\"_self\" target=\"_self\" >T-565-03<\/a><\/h4>\n<div class=\"pt-cv-content\">\u00a0 \u00a0 Sentencia T-565\/03 \u00a0 AGENCIA OFICIOSA EN TUTELA-Necesidad de probar imposibilidad de accionar\/AGENCIA OFICIOSA EN TUTELA-Requisitos \u00a0 AGENCIA OFICIOSA EN TUTELA-Padres en representaci\u00f3n de hijo mayor de edad \u00a0 ACCION DE TUTELA-Improcedencia por falta de legitimidad del agente oficioso \u00a0 Referencia: expediente T-743287 \u00a0 Acci\u00f3n de tutela instaurada por Belarmino Arciniegas Camargo e Hilda Margarita Goez, actuando como agentes oficiosos de Juan Fernando Arciniegas Goez, \u00a0contra el Ministerio de Defensa Nacional - Polic\u00eda Nacional. \u00a0 Magistrado ponente: \u00a0 Dr. ALFREDO BELTR\u00c1N SIERRA. \u00a0 Bogot\u00e1, D.C., once (11) de julio de dos mil tres (2003).\u00a0 \u00a0 La Sala Segunda de ...<br \/><div class=\"pt-cv-rmwrap\"><a href=\"https:\/\/www.dmsjuridica.com\/buscador_20179478954\/corteconstitucionalcronologico202454587\/t-565-03\/\" class=\"_self pt-cv-readmore btn btn-success\" target=\"_self\">Ver Sentencia Completa...<\/a><\/div><\/div><\/div><\/div>\n<div class=\"col-md-12 col-sm-12 col-xs-12 pt-cv-content-item pt-cv-1-col\" ><div class='pt-cv-ifield'><a href=\"https:\/\/www.dmsjuridica.com\/buscador_20179478954\/corteconstitucionalcronologico202454587\/t-564-03\/\" class=\"_self pt-cv-href-thumbnail pt-cv-thumb-default\" target=\"_self\" ><\/a>\n<div class=\"pt-cv-taxoterm above_title\"><a href='https:\/\/www.dmsjuridica.com\/buscador_20179478954\/corteconstitucionalcronologico202454587\/category\/buscar-en-toda-la-corte\/2003\/tutelas-2003\/' title='Tutelas 2003' class='pt-cv-tax-tutelas-2003'>Tutelas 2003<\/a><\/div>\n<h4 class=\"pt-cv-title\"><a href=\"https:\/\/www.dmsjuridica.com\/buscador_20179478954\/corteconstitucionalcronologico202454587\/t-564-03\/\" class=\"_self\" target=\"_self\" >T-564-03<\/a><\/h4>\n<div class=\"pt-cv-content\">\u00a0 \u00a0 Sentencia T-564\/03 \u00a0 DERECHO A LA SALUD-Prueba de la incapacidad econ\u00f3mica para asumir tratamiento\/REGIMEN CONTRIBUTIVO DE SALUD-Prueba de la incapacidad econ\u00f3mica para asumir tratamiento \u00a0 CAJA NACIONAL DE PREVISION SOCIAL-Falta de diligencia en la atenci\u00f3n de usuarios \u00a0 No se observa dentro del expediente que Cajanal hubiera realizado tr\u00e1mite alguno ante el Comit\u00e9 T\u00e9cnico Cient\u00edfico en busca de que se le aprobara al paciente el medicamento excluido del POS o que en su defecto se ordenara el gen\u00e9rico incluido en el POS, actitud que muestra falta de diligencia y desidia en la atenci\u00f3n de los usuarios, m\u00e1s a\u00fan, ...<br \/><div class=\"pt-cv-rmwrap\"><a href=\"https:\/\/www.dmsjuridica.com\/buscador_20179478954\/corteconstitucionalcronologico202454587\/t-564-03\/\" class=\"_self pt-cv-readmore btn btn-success\" target=\"_self\">Ver Sentencia Completa...<\/a><\/div><\/div><\/div><\/div>\n<div class=\"col-md-12 col-sm-12 col-xs-12 pt-cv-content-item pt-cv-1-col\" ><div class='pt-cv-ifield'><a href=\"https:\/\/www.dmsjuridica.com\/buscador_20179478954\/corteconstitucionalcronologico202454587\/t-563-03\/\" class=\"_self pt-cv-href-thumbnail pt-cv-thumb-default\" target=\"_self\" ><\/a>\n<div class=\"pt-cv-taxoterm above_title\"><a href='https:\/\/www.dmsjuridica.com\/buscador_20179478954\/corteconstitucionalcronologico202454587\/category\/buscar-en-toda-la-corte\/2003\/tutelas-2003\/' title='Tutelas 2003' class='pt-cv-tax-tutelas-2003'>Tutelas 2003<\/a><\/div>\n<h4 class=\"pt-cv-title\"><a href=\"https:\/\/www.dmsjuridica.com\/buscador_20179478954\/corteconstitucionalcronologico202454587\/t-563-03\/\" class=\"_self\" target=\"_self\" >T-563-03<\/a><\/h4>\n<div class=\"pt-cv-content\">\u00a0 \u00a0 Sentencia T-563\/03 \u00a0 AUTORIDAD DE POLICIA-Irregularidades en la detenci\u00f3n del actor \u00a0 DERECHO A LA LIBERTAD-Vulneraci\u00f3n por detenci\u00f3n irregular\/HABEAS DATA-Datos no son inmodificables \u00a0 Al demandante le asiste raz\u00f3n en el sentido de que las detenciones de que ha venido siendo objeto le vulneran sus derechos fundamentales a la libertad y al habeas data. No pod\u00eda entonces, la Polic\u00eda Metropolitana de Medell\u00edn, afirmar que la orden de captura se encontraba vigente \u201cconforme a los datos que se consignan en el pantallazo, de la base de datos de la Direcci\u00f3n de Polic\u00eda Judicial\u201d, pues era obvio que exist\u00eda un ...<br \/><div class=\"pt-cv-rmwrap\"><a href=\"https:\/\/www.dmsjuridica.com\/buscador_20179478954\/corteconstitucionalcronologico202454587\/t-563-03\/\" class=\"_self pt-cv-readmore btn btn-success\" target=\"_self\">Ver Sentencia Completa...<\/a><\/div><\/div><\/div><\/div>\n<div class=\"col-md-12 col-sm-12 col-xs-12 pt-cv-content-item pt-cv-1-col\" ><div class='pt-cv-ifield'><a href=\"https:\/\/www.dmsjuridica.com\/buscador_20179478954\/corteconstitucionalcronologico202454587\/t-562-03\/\" class=\"_self pt-cv-href-thumbnail pt-cv-thumb-default\" target=\"_self\" ><\/a>\n<div class=\"pt-cv-taxoterm above_title\"><a href='https:\/\/www.dmsjuridica.com\/buscador_20179478954\/corteconstitucionalcronologico202454587\/category\/buscar-en-toda-la-corte\/2003\/tutelas-2003\/' title='Tutelas 2003' class='pt-cv-tax-tutelas-2003'>Tutelas 2003<\/a><\/div>\n<h4 class=\"pt-cv-title\"><a href=\"https:\/\/www.dmsjuridica.com\/buscador_20179478954\/corteconstitucionalcronologico202454587\/t-562-03\/\" class=\"_self\" target=\"_self\" >T-562-03<\/a><\/h4>\n<div class=\"pt-cv-content\">\u00a0 \u00a0 Sentencia T-562\/03 \u00a0 DERECHO DE PETICION-Alcance\/DERECHO DE PETICION-N\u00facleo esencial \u00a0 DERECHO DE PETICION-Se dio respuesta de fondo, clara y precisa por el INPEC\/DERECHO DE PETICION-No conlleva respuesta favorable a la solicitud \u00a0 La respuesta emitida satisface de fondo, de manera clara y precisa la petici\u00f3n presentada, cosa distinta es que la resoluci\u00f3n dada sea contraria al inter\u00e9s del peticionario, pero en ello no se vislumbra vulneraci\u00f3n del derecho fundamental de petici\u00f3n, pues la inconformidad expuesta por el actor, radica en que la respuesta emitida no satisface sus pretensiones. \u00a0 Referencia: expediente T-741002 \u00a0 Acci\u00f3n de tutela instaurada por ...<br \/><div class=\"pt-cv-rmwrap\"><a href=\"https:\/\/www.dmsjuridica.com\/buscador_20179478954\/corteconstitucionalcronologico202454587\/t-562-03\/\" class=\"_self pt-cv-readmore btn btn-success\" target=\"_self\">Ver Sentencia Completa...<\/a><\/div><\/div><\/div><\/div>\n<div class=\"col-md-12 col-sm-12 col-xs-12 pt-cv-content-item pt-cv-1-col\" ><div class='pt-cv-ifield'><a href=\"https:\/\/www.dmsjuridica.com\/buscador_20179478954\/corteconstitucionalcronologico202454587\/t-561-03\/\" class=\"_self pt-cv-href-thumbnail pt-cv-thumb-default\" target=\"_self\" ><\/a>\n<div class=\"pt-cv-taxoterm above_title\"><a href='https:\/\/www.dmsjuridica.com\/buscador_20179478954\/corteconstitucionalcronologico202454587\/category\/buscar-en-toda-la-corte\/2003\/tutelas-2003\/' title='Tutelas 2003' class='pt-cv-tax-tutelas-2003'>Tutelas 2003<\/a><\/div>\n<h4 class=\"pt-cv-title\"><a href=\"https:\/\/www.dmsjuridica.com\/buscador_20179478954\/corteconstitucionalcronologico202454587\/t-561-03\/\" class=\"_self\" target=\"_self\" >T-561-03<\/a><\/h4>\n<div class=\"pt-cv-content\">\u00a0 \u00a0 Sentencia T-561\/03 \u00a0 DERECHO A LA SEGURIDAD SOCIAL-Servicio p\u00fablico obligatorio \u00a0 PRINCIPIO DE SOLIDARIDAD EN SEGURIDAD SOCIAL-Alcance \u00a0 DERECHO A LA SEGURIDAD SOCIAL-R\u00e9gimen subsidiado \u00a0 DERECHO A LA SALUD-Car\u00e1cter prestacional \u00a0 DERECHO A LA SALUD-Fundamental por conexidad\/DERECHO A LA VIDA DIGNA-Condiciones de gravedad \u00a0 SISBEN-Regulaci\u00f3n ineficiente para detectar a las personas pobres\/SISBEN-Regulaci\u00f3n ineficiente y contraria al orden p\u00fablico de la salud \u00a0 ACCION DE TUTELA-Procedencia cuando indebida clasificaci\u00f3n en el Sisben afecta derechos fundamentales \u00a0 SISBEN-Elaboraci\u00f3n inmediata de nueva encuesta \u00a0 PERSONA DE LA TERCERA EDAD EN ESTADO DE INDEFENSION-Protecci\u00f3n constitucional\/SISBEN-Cambio de calificaci\u00f3n \u00a0 SISBEN-Nueva encuesta para reclasificaci\u00f3n ...<br \/><div class=\"pt-cv-rmwrap\"><a href=\"https:\/\/www.dmsjuridica.com\/buscador_20179478954\/corteconstitucionalcronologico202454587\/t-561-03\/\" class=\"_self pt-cv-readmore btn btn-success\" target=\"_self\">Ver Sentencia Completa...<\/a><\/div><\/div><\/div><\/div>\n<div class=\"col-md-12 col-sm-12 col-xs-12 pt-cv-content-item pt-cv-1-col\" ><div class='pt-cv-ifield'><a href=\"https:\/\/www.dmsjuridica.com\/buscador_20179478954\/corteconstitucionalcronologico202454587\/t-560-03\/\" class=\"_self pt-cv-href-thumbnail pt-cv-thumb-default\" target=\"_self\" ><\/a>\n<div class=\"pt-cv-taxoterm above_title\"><a href='https:\/\/www.dmsjuridica.com\/buscador_20179478954\/corteconstitucionalcronologico202454587\/category\/buscar-en-toda-la-corte\/2003\/tutelas-2003\/' title='Tutelas 2003' class='pt-cv-tax-tutelas-2003'>Tutelas 2003<\/a><\/div>\n<h4 class=\"pt-cv-title\"><a href=\"https:\/\/www.dmsjuridica.com\/buscador_20179478954\/corteconstitucionalcronologico202454587\/t-560-03\/\" class=\"_self\" target=\"_self\" >T-560-03<\/a><\/h4>\n<div class=\"pt-cv-content\">\u00a0 \u00a0 Sentencia T-560\/03 \u00a0 ACCION DE TUTELA-Carencia actual de objeto por fallecimiento del enfermo \u00a0 ENFERMEDADES CATASTROFICAS O RUINOSAS-Negativa de los cuidados paliativos prescritos por m\u00e9dico tratante \u00a0 ENFERMO TERMINAL-Suministro de tratamientos paliativos \u00a0 Si una persona padece una enfermedad incurable que afecta de manera grave su vida y las condiciones en que se desarrolla, la protecci\u00f3n que se le debe brindar no es s\u00f3lo de resultado, sino que incluye la facultad de agotar todas las posibilidades enderezadas a conservar su existencia vital. El paciente en esas circunstancias no est\u00e1 destinado a ser abandonado a la fatalidad sino que ...<br \/><div class=\"pt-cv-rmwrap\"><a href=\"https:\/\/www.dmsjuridica.com\/buscador_20179478954\/corteconstitucionalcronologico202454587\/t-560-03\/\" class=\"_self pt-cv-readmore btn btn-success\" target=\"_self\">Ver Sentencia Completa...<\/a><\/div><\/div><\/div><\/div>\n<div class=\"col-md-12 col-sm-12 col-xs-12 pt-cv-content-item pt-cv-1-col\" ><div class='pt-cv-ifield'><a href=\"https:\/\/www.dmsjuridica.com\/buscador_20179478954\/corteconstitucionalcronologico202454587\/t-559-03\/\" class=\"_self pt-cv-href-thumbnail pt-cv-thumb-default\" target=\"_self\" ><\/a>\n<div class=\"pt-cv-taxoterm above_title\"><a href='https:\/\/www.dmsjuridica.com\/buscador_20179478954\/corteconstitucionalcronologico202454587\/category\/buscar-en-toda-la-corte\/2003\/tutelas-2003\/' title='Tutelas 2003' class='pt-cv-tax-tutelas-2003'>Tutelas 2003<\/a><\/div>\n<h4 class=\"pt-cv-title\"><a href=\"https:\/\/www.dmsjuridica.com\/buscador_20179478954\/corteconstitucionalcronologico202454587\/t-559-03\/\" class=\"_self\" target=\"_self\" >T-559-03<\/a><\/h4>\n<div class=\"pt-cv-content\">\u00a0 \u00a0 Sentencia T-559\/03 \u00a0 ACCION DE TUTELA CONTRA DEFENSORIA DEL PUEBLO-No designaci\u00f3n de defensor p\u00fablico para recurrir \u00a0 LEGITIMACION PARA SOLICITAR DEFENSOR PUBLICO \u00a0 Los legitimados para solicitar la prestaci\u00f3n del servicio de defensor\u00eda p\u00fablica son el imputado, sindicado o condenado, el Ministerio P\u00fablico o el funcionario judicial que conoce del proceso, sin que ello obste para que el Defensor del Pueblo disponga la prestaci\u00f3n de tal servicio por propia iniciativa cuando lo estime necesario. De ello se infiere que si el procesado est\u00e1 en capacidad de hacerlo, es \u00e9l quien debe solicitar la prestaci\u00f3n del servicio y no ...<br \/><div class=\"pt-cv-rmwrap\"><a href=\"https:\/\/www.dmsjuridica.com\/buscador_20179478954\/corteconstitucionalcronologico202454587\/t-559-03\/\" class=\"_self pt-cv-readmore btn btn-success\" target=\"_self\">Ver Sentencia Completa...<\/a><\/div><\/div><\/div><\/div>\n<div class=\"col-md-12 col-sm-12 col-xs-12 pt-cv-content-item pt-cv-1-col\" ><div class='pt-cv-ifield'><a href=\"https:\/\/www.dmsjuridica.com\/buscador_20179478954\/corteconstitucionalcronologico202454587\/t-558-03\/\" class=\"_self pt-cv-href-thumbnail pt-cv-thumb-default\" target=\"_self\" ><\/a>\n<div class=\"pt-cv-taxoterm above_title\"><a href='https:\/\/www.dmsjuridica.com\/buscador_20179478954\/corteconstitucionalcronologico202454587\/category\/buscar-en-toda-la-corte\/2003\/tutelas-2003\/' title='Tutelas 2003' class='pt-cv-tax-tutelas-2003'>Tutelas 2003<\/a><\/div>\n<h4 class=\"pt-cv-title\"><a href=\"https:\/\/www.dmsjuridica.com\/buscador_20179478954\/corteconstitucionalcronologico202454587\/t-558-03\/\" class=\"_self\" target=\"_self\" >T-558-03<\/a><\/h4>\n<div class=\"pt-cv-content\">\u00a0 \u00a0 \u00a0\u00a0 Sentencia \u00a0T-558\/03 \u00a0 FUENTES DEL DERECHO INTERNACIONAL PUBLICO \u00a0 COMISION INTERAMERICANA DE DERECHOS HUMANOS-Facultad de adoptar actos jur\u00eddicos unilaterales \u00a0 Los \u00f3rganos de las organizaciones internacionales pueden, de conformidad con el tratado multilateral constitutivo de cada una de ellas, u otros textos normativos como son los Estatutos o los Reglamentos Internos, adoptar actos jur\u00eddicos unilaterales de diversa denominaci\u00f3n y con distintos efectos jur\u00eddicos como son: resoluciones, recomendaciones, decisiones, opiniones consultivas, medidas provisionales, medidas cautelares o incluso sentencias. \u00a0 ACTO JURIDICO POR ORGANOS INTERNACIONALES-Clases\/DECISIONES DE ORGANOS INTERNACIONALES-Efecto vinculante\/RECOMENDACIONES DE ORGANOS INTERNACIONALES-Carecen de efecto vinculante \u00a0 La pr\u00e1ctica internacional ...<br \/><div class=\"pt-cv-rmwrap\"><a href=\"https:\/\/www.dmsjuridica.com\/buscador_20179478954\/corteconstitucionalcronologico202454587\/t-558-03\/\" class=\"_self pt-cv-readmore btn btn-success\" target=\"_self\">Ver Sentencia Completa...<\/a><\/div><\/div><\/div><\/div>\n<div class=\"col-md-12 col-sm-12 col-xs-12 pt-cv-content-item pt-cv-1-col\" ><div class='pt-cv-ifield'><a href=\"https:\/\/www.dmsjuridica.com\/buscador_20179478954\/corteconstitucionalcronologico202454587\/t-557-03\/\" class=\"_self pt-cv-href-thumbnail pt-cv-thumb-default\" target=\"_self\" ><\/a>\n<div class=\"pt-cv-taxoterm above_title\"><a href='https:\/\/www.dmsjuridica.com\/buscador_20179478954\/corteconstitucionalcronologico202454587\/category\/buscar-en-toda-la-corte\/2003\/tutelas-2003\/' title='Tutelas 2003' class='pt-cv-tax-tutelas-2003'>Tutelas 2003<\/a><\/div>\n<h4 class=\"pt-cv-title\"><a href=\"https:\/\/www.dmsjuridica.com\/buscador_20179478954\/corteconstitucionalcronologico202454587\/t-557-03\/\" class=\"_self\" target=\"_self\" >T-557-03<\/a><\/h4>\n<div class=\"pt-cv-content\">\u00a0 \u00a0 Sentencia T-557\/03 \u00a0 SERVICIO DE SALUD-Prohibici\u00f3n de obst\u00e1culos legales y econ\u00f3micos para tratamiento de menor con enfermedad catastr\u00f3fica \u00a0 DERECHO A LA SALUD DEL NI\u00d1O-Fundamental prevalente \u00a0 DERECHOS FUNDAMENTALES DEL MENOR-Vulneraci\u00f3n por condicionamiento de sumas de dinero para tratamiento de c\u00e1ncer \u00a0 ENFERMEDADES CATASTROFICAS O RUINOSAS-Suministro de tratamiento por EPS sin cumplir periodo m\u00ednimo de cotizaci\u00f3n \u00a0 DERECHO A LA SALUD DEL NI\u00d1O-No suspensi\u00f3n de tratamiento que compromete la vida por no afiliaci\u00f3n a ARS \u00a0 DERECHO A LA SALUD DEL NI\u00d1O-Prestaci\u00f3n integral tratamiento contra c\u00e1ncer \u00a0 Reiteraci\u00f3n de Jurisprudencia \u00a0 Acci\u00f3n de tutela instaurada por Olga Luc\u00eda ...<br \/><div class=\"pt-cv-rmwrap\"><a href=\"https:\/\/www.dmsjuridica.com\/buscador_20179478954\/corteconstitucionalcronologico202454587\/t-557-03\/\" class=\"_self pt-cv-readmore btn btn-success\" target=\"_self\">Ver Sentencia Completa...<\/a><\/div><\/div><\/div><\/div>\n<div class=\"col-md-12 col-sm-12 col-xs-12 pt-cv-content-item pt-cv-1-col\" ><div class='pt-cv-ifield'><a href=\"https:\/\/www.dmsjuridica.com\/buscador_20179478954\/corteconstitucionalcronologico202454587\/t-556-03\/\" class=\"_self pt-cv-href-thumbnail pt-cv-thumb-default\" target=\"_self\" ><\/a>\n<div class=\"pt-cv-taxoterm above_title\"><a href='https:\/\/www.dmsjuridica.com\/buscador_20179478954\/corteconstitucionalcronologico202454587\/category\/buscar-en-toda-la-corte\/2003\/tutelas-2003\/' title='Tutelas 2003' class='pt-cv-tax-tutelas-2003'>Tutelas 2003<\/a><\/div>\n<h4 class=\"pt-cv-title\"><a href=\"https:\/\/www.dmsjuridica.com\/buscador_20179478954\/corteconstitucionalcronologico202454587\/t-556-03\/\" class=\"_self\" target=\"_self\" >T-556-03<\/a><\/h4>\n<div class=\"pt-cv-content\">\u00a0 \u00a0 Sentencia T-556\/03 \u00a0 El sistema de seguridad social integral en Colombia \u2013Ley 100 de 1993- tiene cuatro componentes generales: (a) el sistema general de pensiones, (b) el sistema general de salud, (c) el sistema general de riesgos profesionales y (d) los servicios sociales complementarios definidos en la propia ley Sistema General de Riesgos Profesionales fue complementada tambi\u00e9n por el Decreto 1295 de 1994, expedido en ejercicio de facultades extraordinarias, as\u00ed como por la Ley 776 de 2002. \u00a0 SISTEMA GENERAL DE RIESGOS PROFESIONALES-Objetivo \u00a0 El SGRP est\u00e1 orientado a proteger al trabajador de las contingencias o da\u00f1os sufridos ...<br \/><div class=\"pt-cv-rmwrap\"><a href=\"https:\/\/www.dmsjuridica.com\/buscador_20179478954\/corteconstitucionalcronologico202454587\/t-556-03\/\" class=\"_self pt-cv-readmore btn btn-success\" target=\"_self\">Ver Sentencia Completa...<\/a><\/div><\/div><\/div><\/div>\n<div class=\"col-md-12 col-sm-12 col-xs-12 pt-cv-content-item pt-cv-1-col\" ><div class='pt-cv-ifield'><a href=\"https:\/\/www.dmsjuridica.com\/buscador_20179478954\/corteconstitucionalcronologico202454587\/t-555-03\/\" class=\"_self pt-cv-href-thumbnail pt-cv-thumb-default\" target=\"_self\" ><\/a>\n<div class=\"pt-cv-taxoterm above_title\"><a href='https:\/\/www.dmsjuridica.com\/buscador_20179478954\/corteconstitucionalcronologico202454587\/category\/buscar-en-toda-la-corte\/2003\/tutelas-2003\/' title='Tutelas 2003' class='pt-cv-tax-tutelas-2003'>Tutelas 2003<\/a><\/div>\n<h4 class=\"pt-cv-title\"><a href=\"https:\/\/www.dmsjuridica.com\/buscador_20179478954\/corteconstitucionalcronologico202454587\/t-555-03\/\" class=\"_self\" target=\"_self\" >T-555-03<\/a><\/h4>\n<div class=\"pt-cv-content\">\u00a0 \u00a0 \u00a0\u00a0 Sentencia T-555\/03 \u00a0 PROPIEDAD HORIZONTAL-Coexistencia de unidades privadas y comunes\/ASAMBLEA DE COPROPIETARIOS-Facultades \u00a0 La propiedad horizontal es una forma de dominio que implica, por un lado, la propiedad exclusiva sobre una parte del inmueble bien sea un apartamento, un piso o un local comercial, y por otro, la propiedad com\u00fan de las \u00e1reas sociales, necesarias para la existencia, seguridad y conservaci\u00f3n del edificio. La direcci\u00f3n y administraci\u00f3n del condominio est\u00e1 a cargo de la asamblea general, \u00f3rgano de direcci\u00f3n de la persona jur\u00eddica que surge por mandato legal, integrado por la totalidad de propietarios de los apartamentos ...<br \/><div class=\"pt-cv-rmwrap\"><a href=\"https:\/\/www.dmsjuridica.com\/buscador_20179478954\/corteconstitucionalcronologico202454587\/t-555-03\/\" class=\"_self pt-cv-readmore btn btn-success\" target=\"_self\">Ver Sentencia Completa...<\/a><\/div><\/div><\/div><\/div>\n<div class=\"col-md-12 col-sm-12 col-xs-12 pt-cv-content-item pt-cv-1-col\" ><div class='pt-cv-ifield'><a href=\"https:\/\/www.dmsjuridica.com\/buscador_20179478954\/corteconstitucionalcronologico202454587\/t-554-03\/\" class=\"_self pt-cv-href-thumbnail pt-cv-thumb-default\" target=\"_self\" ><\/a>\n<div class=\"pt-cv-taxoterm above_title\"><a href='https:\/\/www.dmsjuridica.com\/buscador_20179478954\/corteconstitucionalcronologico202454587\/category\/buscar-en-toda-la-corte\/2003\/tutelas-2003\/' title='Tutelas 2003' class='pt-cv-tax-tutelas-2003'>Tutelas 2003<\/a><\/div>\n<h4 class=\"pt-cv-title\"><a href=\"https:\/\/www.dmsjuridica.com\/buscador_20179478954\/corteconstitucionalcronologico202454587\/t-554-03\/\" class=\"_self\" target=\"_self\" >T-554-03<\/a><\/h4>\n<div class=\"pt-cv-content\">\u00a0 \u00a0 \u00a0\u00a0 Sentencia T-554\/03 \u00a0 ADMINISTRACION DE JUSTICIA PENAL-Finalidad\/ADMINISTRACION DE JUSTICIA PENAL-Principio del inter\u00e9s superior del menor \u00a0 En un Estado Social de Derecho la administraci\u00f3n de justicia penal tiene como finalidad \u00faltima la protecci\u00f3n de los derechos fundamentales, y de otros bienes constitucionalmente garantizados mediante la investigaci\u00f3n y sanci\u00f3n de los atentados graves que se ocasionen contra el disfrute pleno de \u00e9stos; y asimismo, el resarcimiento pleno e integral a las v\u00edctimas de los perjuicios causados por el delito. En el caso de los ni\u00f1os, el cumplimiento de estos mandatos constitucionales por los diversos funcionarios que act\u00faan en ...<br \/><div class=\"pt-cv-rmwrap\"><a href=\"https:\/\/www.dmsjuridica.com\/buscador_20179478954\/corteconstitucionalcronologico202454587\/t-554-03\/\" class=\"_self pt-cv-readmore btn btn-success\" target=\"_self\">Ver Sentencia Completa...<\/a><\/div><\/div><\/div><\/div>\n<div class=\"col-md-12 col-sm-12 col-xs-12 pt-cv-content-item pt-cv-1-col\" ><div class='pt-cv-ifield'><a href=\"https:\/\/www.dmsjuridica.com\/buscador_20179478954\/corteconstitucionalcronologico202454587\/t-553-03\/\" class=\"_self pt-cv-href-thumbnail pt-cv-thumb-default\" target=\"_self\" ><\/a>\n<div class=\"pt-cv-taxoterm above_title\"><a href='https:\/\/www.dmsjuridica.com\/buscador_20179478954\/corteconstitucionalcronologico202454587\/category\/buscar-en-toda-la-corte\/2003\/tutelas-2003\/' title='Tutelas 2003' class='pt-cv-tax-tutelas-2003'>Tutelas 2003<\/a><\/div>\n<h4 class=\"pt-cv-title\"><a href=\"https:\/\/www.dmsjuridica.com\/buscador_20179478954\/corteconstitucionalcronologico202454587\/t-553-03\/\" class=\"_self\" target=\"_self\" >T-553-03<\/a><\/h4>\n<div class=\"pt-cv-content\">\u00a0 \u00a0 \u00a0 \u00a0 Sentencia T-553\/03 \u00a0 PRESUNCION DE VERACIDAD EN TUTELA-Demandado no rinde informe solicitado por el juez \u00a0 LICENCIA DE MATERNIDAD-Objeto\/LICENCIA DE MATERNIDAD-Pago oportuno \u00a0 LICENCIA DE MATERNIDAD-Protecci\u00f3n constitucional \u00a0 EXCEPCION DE CONTRATO NO CUMPLIDO-No pago oportuno de aportes \u00a0 ENTIDAD PROMOTORA DE SALUD-Si no alega mora en aportes no puede negar la prestaci\u00f3n econ\u00f3mica al trabajador\/LICENCIA DE MATERNIDAD-Pago por allanamiento a la mora por EPS \u00a0 ENTIDAD PROMOTORA DE SALUD-Atenci\u00f3n por recibo de aportes debidos \u00a0 LICENCIA DE MATERNIDAD-Pago por tutela cuando afecta el m\u00ednimo vital de la madre y su hijo \u00a0 LICENCIA DE MATERNIDAD-Procedencia excepcional ...<br \/><div class=\"pt-cv-rmwrap\"><a href=\"https:\/\/www.dmsjuridica.com\/buscador_20179478954\/corteconstitucionalcronologico202454587\/t-553-03\/\" class=\"_self pt-cv-readmore btn btn-success\" target=\"_self\">Ver Sentencia Completa...<\/a><\/div><\/div><\/div><\/div>\n<div class=\"col-md-12 col-sm-12 col-xs-12 pt-cv-content-item pt-cv-1-col\" ><div class='pt-cv-ifield'><a href=\"https:\/\/www.dmsjuridica.com\/buscador_20179478954\/corteconstitucionalcronologico202454587\/t-552-03\/\" class=\"_self pt-cv-href-thumbnail pt-cv-thumb-default\" target=\"_self\" ><\/a>\n<div class=\"pt-cv-taxoterm above_title\"><a href='https:\/\/www.dmsjuridica.com\/buscador_20179478954\/corteconstitucionalcronologico202454587\/category\/buscar-en-toda-la-corte\/2003\/tutelas-2003\/' title='Tutelas 2003' class='pt-cv-tax-tutelas-2003'>Tutelas 2003<\/a><\/div>\n<h4 class=\"pt-cv-title\"><a href=\"https:\/\/www.dmsjuridica.com\/buscador_20179478954\/corteconstitucionalcronologico202454587\/t-552-03\/\" class=\"_self\" target=\"_self\" >T-552-03<\/a><\/h4>\n<div class=\"pt-cv-content\">\u00a0 \u00a0 Sentencia T-552\/03 \u00a0 LEGITIMACION POR ACTIVA EN TUTELA DE AUTORIDAD INDIGENA \u00a0 COMUNIDAD INDIGENA-Protecci\u00f3n derechos fundamentales de sus miembros \u00a0 COMUNIDAD INDIGENA-Autonom\u00eda pol\u00edtica y jur\u00eddica \u00a0 PRINCIPIO DE DIVERSIDAD ETNICA Y CULTURAL-L\u00edmites\/PRINCIPIO DE DIVERSIDAD ETNICA Y CULTURAL-Reconocimiento constitucional \u00a0 ACCION DE TUTELA CONTRA PROVIDENCIAS JUDICIALES-Procedencia excepcional por v\u00eda de hecho judicial \u00a0 JURISDICCION INDIGENA-Reconocimiento constitucional \u00a0 JURISDICCION INDIGENA-Elementos \u00a0 Los cuatro elementos centrales de la jurisdicci\u00f3n ind\u00edgena en nuestro ordenamiento constitucional: la posibilidad de que existan autoridades judiciales propias de los pueblos ind\u00edgenas, la potestad de \u00e9stos de establecer normas y procedimientos propios, la sujeci\u00f3n de dichas jurisdicci\u00f3n ...<br \/><div class=\"pt-cv-rmwrap\"><a href=\"https:\/\/www.dmsjuridica.com\/buscador_20179478954\/corteconstitucionalcronologico202454587\/t-552-03\/\" class=\"_self pt-cv-readmore btn btn-success\" target=\"_self\">Ver Sentencia Completa...<\/a><\/div><\/div><\/div><\/div>\n<div class=\"col-md-12 col-sm-12 col-xs-12 pt-cv-content-item pt-cv-1-col\" ><div class='pt-cv-ifield'><a href=\"https:\/\/www.dmsjuridica.com\/buscador_20179478954\/corteconstitucionalcronologico202454587\/t-550-03\/\" class=\"_self pt-cv-href-thumbnail pt-cv-thumb-default\" target=\"_self\" ><\/a>\n<div class=\"pt-cv-taxoterm above_title\"><a href='https:\/\/www.dmsjuridica.com\/buscador_20179478954\/corteconstitucionalcronologico202454587\/category\/buscar-en-toda-la-corte\/2003\/tutelas-2003\/' title='Tutelas 2003' class='pt-cv-tax-tutelas-2003'>Tutelas 2003<\/a><\/div>\n<h4 class=\"pt-cv-title\"><a href=\"https:\/\/www.dmsjuridica.com\/buscador_20179478954\/corteconstitucionalcronologico202454587\/t-550-03\/\" class=\"_self\" target=\"_self\" >T-550-03<\/a><\/h4>\n<div class=\"pt-cv-content\">\u00a0 \u00a0 Sentencia T-550\/03 \u00a0 ACCION DE TUTELA CONTRA BANCOS-Procedencia \u00a0 ENTIDAD BANCARIA-Posici\u00f3n dominante \u00a0 ACTO PROPIO-Respeto por entidad financiera\/ENTIDAD BANCARIA-No debe abusar de su posici\u00f3n dominante \u00a0 Se ha hecho \u00e9nfasis en el deber de aplicaci\u00f3n del principio del respeto al acto propio por parte de la entidad financiera, seg\u00fan el cual cuando \u00e9sta ha emitido un acto que ha generado una situaci\u00f3n particular, concreta y definida a favor de otro, le es prohibido modificarla en forma unilateral, so pena de defraudar su confianza y faltar a la buena fe con que se debe desarrollar la actividad contractual. Cuando ...<br \/><div class=\"pt-cv-rmwrap\"><a href=\"https:\/\/www.dmsjuridica.com\/buscador_20179478954\/corteconstitucionalcronologico202454587\/t-550-03\/\" class=\"_self pt-cv-readmore btn btn-success\" target=\"_self\">Ver Sentencia Completa...<\/a><\/div><\/div><\/div><\/div>\n<div class=\"col-md-12 col-sm-12 col-xs-12 pt-cv-content-item pt-cv-1-col\" ><div class='pt-cv-ifield'><a href=\"https:\/\/www.dmsjuridica.com\/buscador_20179478954\/corteconstitucionalcronologico202454587\/t-549-03\/\" class=\"_self pt-cv-href-thumbnail pt-cv-thumb-default\" target=\"_self\" ><\/a>\n<div class=\"pt-cv-taxoterm above_title\"><a href='https:\/\/www.dmsjuridica.com\/buscador_20179478954\/corteconstitucionalcronologico202454587\/category\/buscar-en-toda-la-corte\/2003\/tutelas-2003\/' title='Tutelas 2003' class='pt-cv-tax-tutelas-2003'>Tutelas 2003<\/a><\/div>\n<h4 class=\"pt-cv-title\"><a href=\"https:\/\/www.dmsjuridica.com\/buscador_20179478954\/corteconstitucionalcronologico202454587\/t-549-03\/\" class=\"_self\" target=\"_self\" >T-549-03<\/a><\/h4>\n<div class=\"pt-cv-content\">\u00a0 \u00a0 Sentencia T-549\/03 \u00a0 CONTRATO DE MEDICINA PREPAGADA-Alcance \u00a0 EMPRESA DE MEDICINA PREPAGADA-Posici\u00f3n dominante \u00a0 En la ejecuci\u00f3n del contrato las entidades de medicina prepagada tienen una posici\u00f3n dominante, por cuyo abuso pueden causar la lesi\u00f3n de los derechos fundamentales de los usuarios, en quienes se reconoce de manera palmaria una situaci\u00f3n de indefensi\u00f3n frente a aquellas, por lo que es clara la procedencia excepcional del amparo para remediar tales irregularidades. \u00a0 CONTRATO DE MEDICINA PREPAGADA-Preexistencia \u00a0 Las preexistencias son par\u00e1metro del contenido prestacional de la entidad de medicina prepagada y su diagn\u00f3stico representa para \u00e9sta, en t\u00e9rminos pr\u00e1cticos, ...<br \/><div class=\"pt-cv-rmwrap\"><a href=\"https:\/\/www.dmsjuridica.com\/buscador_20179478954\/corteconstitucionalcronologico202454587\/t-549-03\/\" class=\"_self pt-cv-readmore btn btn-success\" target=\"_self\">Ver Sentencia Completa...<\/a><\/div><\/div><\/div><\/div>\n<div class=\"col-md-12 col-sm-12 col-xs-12 pt-cv-content-item pt-cv-1-col\" ><div class='pt-cv-ifield'><a href=\"https:\/\/www.dmsjuridica.com\/buscador_20179478954\/corteconstitucionalcronologico202454587\/t-548-03\/\" class=\"_self pt-cv-href-thumbnail pt-cv-thumb-default\" target=\"_self\" ><\/a>\n<div class=\"pt-cv-taxoterm above_title\"><a href='https:\/\/www.dmsjuridica.com\/buscador_20179478954\/corteconstitucionalcronologico202454587\/category\/buscar-en-toda-la-corte\/2003\/tutelas-2003\/' title='Tutelas 2003' class='pt-cv-tax-tutelas-2003'>Tutelas 2003<\/a><\/div>\n<h4 class=\"pt-cv-title\"><a href=\"https:\/\/www.dmsjuridica.com\/buscador_20179478954\/corteconstitucionalcronologico202454587\/t-548-03\/\" class=\"_self\" target=\"_self\" >T-548-03<\/a><\/h4>\n<div class=\"pt-cv-content\">\u00a0 \u00a0 Sentencia T-548\/03 \u00a0 REFORMA DE DEMANDA EN JUICIOS CIVILES-Alcance \u00a0 El C\u00f3digo de Procedimiento Civil se detiene en pormenores de la actuaci\u00f3n, definiendo qu\u00e9 puede abarcar y qu\u00e9 no puede incluir la reforma de la demanda, cu\u00e1l procedimiento deber\u00e1 seguirse, y c\u00f3mo debe integrarse el nuevo libelo con el anterior. La prolija regulaci\u00f3n del legislador en torno al punto indica lo trascendente de la reforma de la demanda en la tramitaci\u00f3n de los juicios civiles, que al parecer de la Sala se concreta en la necesidad de definir desde el inicio de la litis el asunto en conflicto, ...<br \/><div class=\"pt-cv-rmwrap\"><a href=\"https:\/\/www.dmsjuridica.com\/buscador_20179478954\/corteconstitucionalcronologico202454587\/t-548-03\/\" class=\"_self pt-cv-readmore btn btn-success\" target=\"_self\">Ver Sentencia Completa...<\/a><\/div><\/div><\/div><\/div>\n<div class=\"col-md-12 col-sm-12 col-xs-12 pt-cv-content-item pt-cv-1-col\" ><div class='pt-cv-ifield'><a href=\"https:\/\/www.dmsjuridica.com\/buscador_20179478954\/corteconstitucionalcronologico202454587\/t-547-03\/\" class=\"_self pt-cv-href-thumbnail pt-cv-thumb-default\" target=\"_self\" ><\/a>\n<div class=\"pt-cv-taxoterm above_title\"><a href='https:\/\/www.dmsjuridica.com\/buscador_20179478954\/corteconstitucionalcronologico202454587\/category\/buscar-en-toda-la-corte\/2003\/tutelas-2003\/' title='Tutelas 2003' class='pt-cv-tax-tutelas-2003'>Tutelas 2003<\/a><\/div>\n<h4 class=\"pt-cv-title\"><a href=\"https:\/\/www.dmsjuridica.com\/buscador_20179478954\/corteconstitucionalcronologico202454587\/t-547-03\/\" class=\"_self\" target=\"_self\" >T-547-03<\/a><\/h4>\n<div class=\"pt-cv-content\">\u00a0 \u00a0 Sentencia T-547\/03 \u00a0 REGIMEN SUBSIDIADO DE SALUD-Protecci\u00f3n a menor \u00a0 ADMINISTRADORA DEL REGIMEN SUBSIDIADO-Prestaci\u00f3n de servicios m\u00e9dicos a menor y repetici\u00f3n contra el Fosyga \u00a0 Reiteraci\u00f3n de Jurisprudencia\u00a0 \u00a0 Referencia: expediente T-730453 \u00a0 Acci\u00f3n de tutela instaurada por Gloria Marleny Ben\u00edtez contra Saludvida A.R.S.\u00a0 \u00a0 Magistrado Ponente: \u00a0 Dr. MANUEL JOS\u00c9 CEPEDA ESPINOSA \u00a0 Bogot\u00e1, D.C., nueve (9) de julio de dos mil tres (2003). \u00a0 1. Gloria Marleny Ben\u00edtez interpuso acci\u00f3n de tutela ante el Juez Penal Municipal de Medell\u00edn (reparto) contra Saludvida \u00a0A.R.S. por considerar que esta entidad le ha violado los derechos a la salud ...<br \/><div class=\"pt-cv-rmwrap\"><a href=\"https:\/\/www.dmsjuridica.com\/buscador_20179478954\/corteconstitucionalcronologico202454587\/t-547-03\/\" class=\"_self pt-cv-readmore btn btn-success\" target=\"_self\">Ver Sentencia Completa...<\/a><\/div><\/div><\/div><\/div>\n<div class=\"col-md-12 col-sm-12 col-xs-12 pt-cv-content-item pt-cv-1-col\" ><div class='pt-cv-ifield'><a href=\"https:\/\/www.dmsjuridica.com\/buscador_20179478954\/corteconstitucionalcronologico202454587\/t-546-03\/\" class=\"_self pt-cv-href-thumbnail pt-cv-thumb-default\" target=\"_self\" ><\/a>\n<div class=\"pt-cv-taxoterm above_title\"><a href='https:\/\/www.dmsjuridica.com\/buscador_20179478954\/corteconstitucionalcronologico202454587\/category\/buscar-en-toda-la-corte\/2003\/tutelas-2003\/' title='Tutelas 2003' class='pt-cv-tax-tutelas-2003'>Tutelas 2003<\/a><\/div>\n<h4 class=\"pt-cv-title\"><a href=\"https:\/\/www.dmsjuridica.com\/buscador_20179478954\/corteconstitucionalcronologico202454587\/t-546-03\/\" class=\"_self\" target=\"_self\" >T-546-03<\/a><\/h4>\n<div class=\"pt-cv-content\">\u00a0 \u00a0 Sentencia T-546\/03 \u00a0 ACTO PROPIO-Respeto por entidad financiera \u00a0 ENTIDAD BANCARIA-Posici\u00f3n dominante \u00a0 ENTIDAD BANCARIA-Modificaci\u00f3n de situaci\u00f3n jur\u00eddica consolidada respecto de reliquidaci\u00f3n de cr\u00e9ditos hipotecarios\/DEBIDO PROCESO-Vulneraci\u00f3n por Granahorrar al solicitar saldo despu\u00e9s de expedido paz y salvo \u00a0 ENTIDAD BANCARIA-Revocaci\u00f3n de actos propios \u00a0 ENTIDAD BANCARIA-Vulneraci\u00f3n de derechos por revivir cr\u00e9ditos ya cancelados \u00a0 ENTIDAD BANCARIA-Utilizaci\u00f3n de extractos bancarios a falta de paz y salvo por cuanto indicaban estado de obligaciones financieras \u00a0 Reiteraci\u00f3n de Jurisprudencia \u00a0 Referencia: expedientes T-720598, T-720794 y \u00a0 \u00a0T-721362 \u00a0 Acci\u00f3n de tutela instaurada por Isabel Supelano de Forero, Martha Isabel Toro Buitrago ...<br \/><div class=\"pt-cv-rmwrap\"><a href=\"https:\/\/www.dmsjuridica.com\/buscador_20179478954\/corteconstitucionalcronologico202454587\/t-546-03\/\" class=\"_self pt-cv-readmore btn btn-success\" target=\"_self\">Ver Sentencia Completa...<\/a><\/div><\/div><\/div><\/div>\n<div class=\"col-md-12 col-sm-12 col-xs-12 pt-cv-content-item pt-cv-1-col\" ><div class='pt-cv-ifield'><a href=\"https:\/\/www.dmsjuridica.com\/buscador_20179478954\/corteconstitucionalcronologico202454587\/t-545-03\/\" class=\"_self pt-cv-href-thumbnail pt-cv-thumb-default\" target=\"_self\" ><\/a>\n<div class=\"pt-cv-taxoterm above_title\"><a href='https:\/\/www.dmsjuridica.com\/buscador_20179478954\/corteconstitucionalcronologico202454587\/category\/buscar-en-toda-la-corte\/2003\/tutelas-2003\/' title='Tutelas 2003' class='pt-cv-tax-tutelas-2003'>Tutelas 2003<\/a><\/div>\n<h4 class=\"pt-cv-title\"><a href=\"https:\/\/www.dmsjuridica.com\/buscador_20179478954\/corteconstitucionalcronologico202454587\/t-545-03\/\" class=\"_self\" target=\"_self\" >T-545-03<\/a><\/h4>\n<div class=\"pt-cv-content\">\u00a0 \u00a0 Sentencia T-545\/03 \u00a0 DERECHO A LA SALUD DEL INTERNO-Preservaci\u00f3n por el Estado \u00a0 DERECHO A LA VIDA DIGNA-Alcance \u00a0 PREVENCION EN TUTELA-Dilaci\u00f3n injustificada de prestaci\u00f3n del servicio de salud \u00a0 ESTABLECIMIENTO CARCELARIO-Atenci\u00f3n m\u00e9dica adecuada digna y oportuna de presos \u00a0 Reiteraci\u00f3n de Jurisprudencia \u00a0 \u00a0 Referencia: expediente T-719364 \u00a0 Acci\u00f3n de tutela instaurada por Luis Fernando Vel\u00e1squez Mora contra la Oficina de Sanidad de la Penitenciar\u00eda \u00a0Nacional de Acac\u00edas, Meta. \u00a0 Magistrado Ponente: \u00a0 Bogot\u00e1, D.C., nueve (9) de julio de dos mil tres (2003). \u00a0 La Sala Tercera de Revisi\u00f3n de la Corte Constitucional, en ejercicio de ...<br \/><div class=\"pt-cv-rmwrap\"><a href=\"https:\/\/www.dmsjuridica.com\/buscador_20179478954\/corteconstitucionalcronologico202454587\/t-545-03\/\" class=\"_self pt-cv-readmore btn btn-success\" target=\"_self\">Ver Sentencia Completa...<\/a><\/div><\/div><\/div><\/div>\n<div class=\"col-md-12 col-sm-12 col-xs-12 pt-cv-content-item pt-cv-1-col\" ><div class='pt-cv-ifield'><a href=\"https:\/\/www.dmsjuridica.com\/buscador_20179478954\/corteconstitucionalcronologico202454587\/t-544-03\/\" class=\"_self pt-cv-href-thumbnail pt-cv-thumb-default\" target=\"_self\" ><\/a>\n<div class=\"pt-cv-taxoterm above_title\"><a href='https:\/\/www.dmsjuridica.com\/buscador_20179478954\/corteconstitucionalcronologico202454587\/category\/buscar-en-toda-la-corte\/2003\/tutelas-2003\/' title='Tutelas 2003' class='pt-cv-tax-tutelas-2003'>Tutelas 2003<\/a><\/div>\n<h4 class=\"pt-cv-title\"><a href=\"https:\/\/www.dmsjuridica.com\/buscador_20179478954\/corteconstitucionalcronologico202454587\/t-544-03\/\" class=\"_self\" target=\"_self\" >T-544-03<\/a><\/h4>\n<div class=\"pt-cv-content\">\u00a0 \u00a0 Sentencia T-544\/03 \u00a0 ACTO PROPIO-Respeto por entidad financiera \u00a0 ACCION DE TUTELA-Improcedencia por no haberse configurado una situaci\u00f3n jur\u00eddica concreta\/CREDITO HIPOTECARIO-Reliquidaci\u00f3n \u00a0 En ning\u00fan momento se configur\u00f3 en cabeza de la accionante una situaci\u00f3n jur\u00eddica concreta emanada de la actuaci\u00f3n de la demandada. Si bien es cierto que el comportamiento de la funcionaria de la entidad bancaria, no desvirtuado por la demandada en su toma de posici\u00f3n frente a la acci\u00f3n de tutela interpuesta en su contra, es irregular al reportar un saldo del cr\u00e9dito que luego fue desmentido por la misma entidad a la que representa, y ...<br \/><div class=\"pt-cv-rmwrap\"><a href=\"https:\/\/www.dmsjuridica.com\/buscador_20179478954\/corteconstitucionalcronologico202454587\/t-544-03\/\" class=\"_self pt-cv-readmore btn btn-success\" target=\"_self\">Ver Sentencia Completa...<\/a><\/div><\/div><\/div><\/div>\n<div class=\"col-md-12 col-sm-12 col-xs-12 pt-cv-content-item pt-cv-1-col\" ><div class='pt-cv-ifield'><a href=\"https:\/\/www.dmsjuridica.com\/buscador_20179478954\/corteconstitucionalcronologico202454587\/t-543-03\/\" class=\"_self pt-cv-href-thumbnail pt-cv-thumb-default\" target=\"_self\" ><\/a>\n<div class=\"pt-cv-taxoterm above_title\"><a href='https:\/\/www.dmsjuridica.com\/buscador_20179478954\/corteconstitucionalcronologico202454587\/category\/buscar-en-toda-la-corte\/2003\/tutelas-2003\/' title='Tutelas 2003' class='pt-cv-tax-tutelas-2003'>Tutelas 2003<\/a><\/div>\n<h4 class=\"pt-cv-title\"><a href=\"https:\/\/www.dmsjuridica.com\/buscador_20179478954\/corteconstitucionalcronologico202454587\/t-543-03\/\" class=\"_self\" target=\"_self\" >T-543-03<\/a><\/h4>\n<div class=\"pt-cv-content\">\u00a0 \u00a0 Sentencia T-543\/03 \u00a0 INAPLICACION DE NORMAS DEL PLAN OBLIGATORIO DE SALUD-Casos en que procede por exclusi\u00f3n de tratamientos y medicamentos de alto costo \u00a0 ACCION DE TUTELA-Hecho superado por costear por cuenta propia el tratamiento odontol\u00f3gico\/DERECHO A LA SALUD-Capacidad econ\u00f3mica para efectuar el tratamiento odontol\u00f3gico \u00a0 Reiteraci\u00f3n de Jurisprudencia \u00a0 Acci\u00f3n de tutela instaurada por Piedad Eugenia G\u00f3mez \u00c1lvarez contra Coomeva EPS.\u00a0 \u00a0 Magistrado Ponente: \u00a0 Dr. MANUEL JOS\u00c9 CEPEDA ESPINOSA \u00a0 Bogot\u00e1, D.C., nueve (9) de julio de dos mil tres (2003). \u00a0 La Sala Tercera de Revisi\u00f3n de la Corte Constitucional, en ejercicio de sus competencias ...<br \/><div class=\"pt-cv-rmwrap\"><a href=\"https:\/\/www.dmsjuridica.com\/buscador_20179478954\/corteconstitucionalcronologico202454587\/t-543-03\/\" class=\"_self pt-cv-readmore btn btn-success\" target=\"_self\">Ver Sentencia Completa...<\/a><\/div><\/div><\/div><\/div>\n<div class=\"col-md-12 col-sm-12 col-xs-12 pt-cv-content-item pt-cv-1-col\" ><div class='pt-cv-ifield'><a href=\"https:\/\/www.dmsjuridica.com\/buscador_20179478954\/corteconstitucionalcronologico202454587\/t-542-03\/\" class=\"_self pt-cv-href-thumbnail pt-cv-thumb-default\" target=\"_self\" ><\/a>\n<div class=\"pt-cv-taxoterm above_title\"><a href='https:\/\/www.dmsjuridica.com\/buscador_20179478954\/corteconstitucionalcronologico202454587\/category\/buscar-en-toda-la-corte\/2003\/tutelas-2003\/' title='Tutelas 2003' class='pt-cv-tax-tutelas-2003'>Tutelas 2003<\/a><\/div>\n<h4 class=\"pt-cv-title\"><a href=\"https:\/\/www.dmsjuridica.com\/buscador_20179478954\/corteconstitucionalcronologico202454587\/t-542-03\/\" class=\"_self\" target=\"_self\" >T-542-03<\/a><\/h4>\n<div class=\"pt-cv-content\">\u00a0 \u00a0 Sentencia T-542\/03 \u00a0 DERECHO DE PETICION-Alcance\/DERECHO DE PETICION-N\u00facleo esencial \u00a0 HABEAS DATA-Contenido y alcance \u00a0 CADUCIDAD DEL DATO-L\u00edmite temporal \u00a0 DERECHO AL BUEN NOMBRE-Vulneraci\u00f3n por no actualizaci\u00f3n de informaci\u00f3n en el DAS \u00a0 En virtud a la no actualizaci\u00f3n de la informaci\u00f3n, el actor est\u00e1 viendo perjudicado su buen nombre, ya que a pesar de que precluy\u00f3 la investigaci\u00f3n que se adelant\u00f3 en su contra por el presunto delito de extorsi\u00f3n, este nuevo hecho no fue actualizado y sigue figurando en la base de datos del aparato de justicia. Es deber de las autoridades judiciales, y en este ...<br \/><div class=\"pt-cv-rmwrap\"><a href=\"https:\/\/www.dmsjuridica.com\/buscador_20179478954\/corteconstitucionalcronologico202454587\/t-542-03\/\" class=\"_self pt-cv-readmore btn btn-success\" target=\"_self\">Ver Sentencia Completa...<\/a><\/div><\/div><\/div><\/div>\n<div class=\"col-md-12 col-sm-12 col-xs-12 pt-cv-content-item pt-cv-1-col\" ><div class='pt-cv-ifield'><a href=\"https:\/\/www.dmsjuridica.com\/buscador_20179478954\/corteconstitucionalcronologico202454587\/t-541-03\/\" class=\"_self pt-cv-href-thumbnail pt-cv-thumb-default\" target=\"_self\" ><\/a>\n<div class=\"pt-cv-taxoterm above_title\"><a href='https:\/\/www.dmsjuridica.com\/buscador_20179478954\/corteconstitucionalcronologico202454587\/category\/buscar-en-toda-la-corte\/2003\/tutelas-2003\/' title='Tutelas 2003' class='pt-cv-tax-tutelas-2003'>Tutelas 2003<\/a><\/div>\n<h4 class=\"pt-cv-title\"><a href=\"https:\/\/www.dmsjuridica.com\/buscador_20179478954\/corteconstitucionalcronologico202454587\/t-541-03\/\" class=\"_self\" target=\"_self\" >T-541-03<\/a><\/h4>\n<div class=\"pt-cv-content\">\u00a0 \u00a0 Sentencia T-541\/03 \u00a0 REGIMEN SUBSIDIADO DE SEGURIDAD SOCIAL EN SALUD-Finalidad \u00a0 ADMINISTRADORA DEL REGIMEN SUBSIDIADO-Obligaciones frente a servicios no incluidos en POS \u00a0 ADMINISTRADORA DEL REGIMEN SUBSIDIADO-Informaci\u00f3n al afiliado sobre prestaci\u00f3n de servicios no cubiertos por el POS \u00a0 DERECHO A LA SALUD Y SEGURIDAD SOCIAL-Protecci\u00f3n persona de la tercera edad \u00a0 ADMINISTRADORA DEL REGIMEN SUBSIDIADO-Realizaci\u00f3n examen m\u00e9dico y repetici\u00f3n contra el Fosyga \u00a0 Reiteraci\u00f3n de Jurisprudencia \u00a0 Referencia: expediente T-716031 \u00a0 Acci\u00f3n de tutela presentada por Fabiola Acosta de Carvajal contra la ARS Comfenalco \u00a0 Magistrado Ponente: \u00a0 Bogot\u00e1, D.C., nueve (9) de julio de dos mil ...<br \/><div class=\"pt-cv-rmwrap\"><a href=\"https:\/\/www.dmsjuridica.com\/buscador_20179478954\/corteconstitucionalcronologico202454587\/t-541-03\/\" class=\"_self pt-cv-readmore btn btn-success\" target=\"_self\">Ver Sentencia Completa...<\/a><\/div><\/div><\/div><\/div>\n<div class=\"col-md-12 col-sm-12 col-xs-12 pt-cv-content-item pt-cv-1-col\" ><div class='pt-cv-ifield'><a href=\"https:\/\/www.dmsjuridica.com\/buscador_20179478954\/corteconstitucionalcronologico202454587\/t-540-03\/\" class=\"_self pt-cv-href-thumbnail pt-cv-thumb-default\" target=\"_self\" ><\/a>\n<div class=\"pt-cv-taxoterm above_title\"><a href='https:\/\/www.dmsjuridica.com\/buscador_20179478954\/corteconstitucionalcronologico202454587\/category\/buscar-en-toda-la-corte\/2003\/tutelas-2003\/' title='Tutelas 2003' class='pt-cv-tax-tutelas-2003'>Tutelas 2003<\/a><\/div>\n<h4 class=\"pt-cv-title\"><a href=\"https:\/\/www.dmsjuridica.com\/buscador_20179478954\/corteconstitucionalcronologico202454587\/t-540-03\/\" class=\"_self\" target=\"_self\" >T-540-03<\/a><\/h4>\n<div class=\"pt-cv-content\">\u00a0 \u00a0 Sentencia T-540\/03 \u00a0 VIA DE HECHO-Clases de defectos en la actuaci\u00f3n \u00a0 DEBIDO PROCESO-Alcance \u00a0 DEBIDO PROCESO-Fundamental \u00a0 LEGITIMACION POR ACTIVA EN TUTELA-Persona jur\u00eddica \u00a0 DERECHOS FUNDAMENTALES DE PERSONA JURIDICA-Se\u00f1alamiento de los que resultan aplicables y protecci\u00f3n por tutela \u00a0 TITULOS VALORES-Definici\u00f3n\/TITULOS VALORES-Requisitos \u00a0 VIA DE HECHO-Inexistencia por tratarse de errores aritm\u00e9ticos que fueron corregidos \u00a0 La pretendida v\u00eda de hecho, esgrimida por el tutelante no se present\u00f3. Es innegable que en las providencias judiciales censuradas se dieron algunos errores mecanogr\u00e1ficos. Las equivocidades en que incurrieron los juzgadores en el proceso ejecutivo singular que se sigui\u00f3 en contra ...<br \/><div class=\"pt-cv-rmwrap\"><a href=\"https:\/\/www.dmsjuridica.com\/buscador_20179478954\/corteconstitucionalcronologico202454587\/t-540-03\/\" class=\"_self pt-cv-readmore btn btn-success\" target=\"_self\">Ver Sentencia Completa...<\/a><\/div><\/div><\/div><\/div>\n<div class=\"col-md-12 col-sm-12 col-xs-12 pt-cv-content-item pt-cv-1-col\" ><div class='pt-cv-ifield'><a href=\"https:\/\/www.dmsjuridica.com\/buscador_20179478954\/corteconstitucionalcronologico202454587\/t-539-03\/\" class=\"_self pt-cv-href-thumbnail pt-cv-thumb-default\" target=\"_self\" ><\/a>\n<div class=\"pt-cv-taxoterm above_title\"><a href='https:\/\/www.dmsjuridica.com\/buscador_20179478954\/corteconstitucionalcronologico202454587\/category\/buscar-en-toda-la-corte\/2003\/tutelas-2003\/' title='Tutelas 2003' class='pt-cv-tax-tutelas-2003'>Tutelas 2003<\/a><\/div>\n<h4 class=\"pt-cv-title\"><a href=\"https:\/\/www.dmsjuridica.com\/buscador_20179478954\/corteconstitucionalcronologico202454587\/t-539-03\/\" class=\"_self\" target=\"_self\" >T-539-03<\/a><\/h4>\n<div class=\"pt-cv-content\">\u00a0 \u00a0 Sentencia T-539\/03 \u00a0 SEGURO SOCIAL-No suscripci\u00f3n de contratos con instituci\u00f3n de salud con sede en la ciudad donde es atendida la paciente \u00a0 Se encuentra demostrada la existencia de una situaci\u00f3n que a juicio de la actora representa una violaci\u00f3n de sus derechos a la salud y a la vida, consistente en que \u00a0al momento de interponer la tutela, el ISS, como Empresa Promotora de Salud \u2013E.P.S.-, no hab\u00eda suscrito contratos con las Instituciones Prestadoras de Salud que tienen sede en la ciudad donde era atendida, y donde exist\u00eda toda la infraestructura para ello. \u00a0 Los beneficiarios del ...<br \/><div class=\"pt-cv-rmwrap\"><a href=\"https:\/\/www.dmsjuridica.com\/buscador_20179478954\/corteconstitucionalcronologico202454587\/t-539-03\/\" class=\"_self pt-cv-readmore btn btn-success\" target=\"_self\">Ver Sentencia Completa...<\/a><\/div><\/div><\/div><\/div>\n<div class=\"col-md-12 col-sm-12 col-xs-12 pt-cv-content-item pt-cv-1-col\" ><div class='pt-cv-ifield'><a href=\"https:\/\/www.dmsjuridica.com\/buscador_20179478954\/corteconstitucionalcronologico202454587\/t-538-03\/\" class=\"_self pt-cv-href-thumbnail pt-cv-thumb-default\" target=\"_self\" ><\/a>\n<div class=\"pt-cv-taxoterm above_title\"><a href='https:\/\/www.dmsjuridica.com\/buscador_20179478954\/corteconstitucionalcronologico202454587\/category\/buscar-en-toda-la-corte\/2003\/tutelas-2003\/' title='Tutelas 2003' class='pt-cv-tax-tutelas-2003'>Tutelas 2003<\/a><\/div>\n<h4 class=\"pt-cv-title\"><a href=\"https:\/\/www.dmsjuridica.com\/buscador_20179478954\/corteconstitucionalcronologico202454587\/t-538-03\/\" class=\"_self\" target=\"_self\" >T-538-03<\/a><\/h4>\n<div class=\"pt-cv-content\">\u00a0 \u00a0 Sentencia T-538\/03 \u00a0 DERECHO A LA VIDA DIGNA-Dilaci\u00f3n injustificada en realizaci\u00f3n de tratamiento m\u00e9dico por el ISS \u00a0 La conducta del Instituto de Seguros Sociales en efecto vulner\u00f3 el derecho fundamental a la vida en condiciones dignas de la se\u00f1ora, pues amparado en el vencimiento de un contrato de prestaci\u00f3n de servicios de salud con otra entidad, someti\u00f3 a su afiliada a una espera de cuatro meses para la realizaci\u00f3n de un procedimiento m\u00e9dico que hab\u00eda sido ordenado por su m\u00e9dico tratante. \u00a0 ACCION DE TUTELA-Hecho superado por pr\u00e1ctica de cirug\u00eda \u00a0 Reiteraci\u00f3n de Jurisprudencia \u00a0 Referencia: expediente ...<br \/><div class=\"pt-cv-rmwrap\"><a href=\"https:\/\/www.dmsjuridica.com\/buscador_20179478954\/corteconstitucionalcronologico202454587\/t-538-03\/\" class=\"_self pt-cv-readmore btn btn-success\" target=\"_self\">Ver Sentencia Completa...<\/a><\/div><\/div><\/div><\/div>\n<div class=\"col-md-12 col-sm-12 col-xs-12 pt-cv-content-item pt-cv-1-col\" ><div class='pt-cv-ifield'><a href=\"https:\/\/www.dmsjuridica.com\/buscador_20179478954\/corteconstitucionalcronologico202454587\/t-537-03\/\" class=\"_self pt-cv-href-thumbnail pt-cv-thumb-default\" target=\"_self\" ><\/a>\n<div class=\"pt-cv-taxoterm above_title\"><a href='https:\/\/www.dmsjuridica.com\/buscador_20179478954\/corteconstitucionalcronologico202454587\/category\/buscar-en-toda-la-corte\/2003\/tutelas-2003\/' title='Tutelas 2003' class='pt-cv-tax-tutelas-2003'>Tutelas 2003<\/a><\/div>\n<h4 class=\"pt-cv-title\"><a href=\"https:\/\/www.dmsjuridica.com\/buscador_20179478954\/corteconstitucionalcronologico202454587\/t-537-03\/\" class=\"_self\" target=\"_self\" >T-537-03<\/a><\/h4>\n<div class=\"pt-cv-content\">\u00a0 \u00a0 Sentencia T-537\/03 \u00a0 ACCION DE TUTELA-Subsidiariedad \u00a0 ACCION DE TUTELA TRANSITORIA-Existencia de perjuicio irremediable\/PERJUICIO IRREMEDIABLE-Elementos \u00a0 PERJUICIO IRREMEDIABLE-Inexistencia por desistimiento de recurso de apelaci\u00f3n\/RECURSO DE APELACION-Desistimiento contra sentencia de extinci\u00f3n de dominio \u00a0 DECLARACION DE BIENES MOSTRENCOS-Debe darse antes de que exista sentencia judicial en firme \u00a0 Se pregunta la Sala: \u00bfcu\u00e1l era, en este caso, el momento procesal id\u00f3neo para que quien pretend\u00eda la declaratoria de mostrencos de los \u00a0bienes en cuesti\u00f3n hiciera valer sus argumentos ante la Administraci\u00f3n de Justicia? Resulta claro que tal momento, si bien depende del proceso judicial espec\u00edfico dentro del cual se ...<br \/><div class=\"pt-cv-rmwrap\"><a href=\"https:\/\/www.dmsjuridica.com\/buscador_20179478954\/corteconstitucionalcronologico202454587\/t-537-03\/\" class=\"_self pt-cv-readmore btn btn-success\" target=\"_self\">Ver Sentencia Completa...<\/a><\/div><\/div><\/div><\/div>\n<div class=\"col-md-12 col-sm-12 col-xs-12 pt-cv-content-item pt-cv-1-col\" ><div class='pt-cv-ifield'><a href=\"https:\/\/www.dmsjuridica.com\/buscador_20179478954\/corteconstitucionalcronologico202454587\/t-536-03\/\" class=\"_self pt-cv-href-thumbnail pt-cv-thumb-default\" target=\"_self\" ><\/a>\n<div class=\"pt-cv-taxoterm above_title\"><a href='https:\/\/www.dmsjuridica.com\/buscador_20179478954\/corteconstitucionalcronologico202454587\/category\/buscar-en-toda-la-corte\/2003\/tutelas-2003\/' title='Tutelas 2003' class='pt-cv-tax-tutelas-2003'>Tutelas 2003<\/a><\/div>\n<h4 class=\"pt-cv-title\"><a href=\"https:\/\/www.dmsjuridica.com\/buscador_20179478954\/corteconstitucionalcronologico202454587\/t-536-03\/\" class=\"_self\" target=\"_self\" >T-536-03<\/a><\/h4>\n<div class=\"pt-cv-content\">\u00a0 \u00a0 Sentencia T-536\/03 \u00a0 MEDIO DE DEFENSA JUDICIAL-Improcedencia de tutela \u00a0 PERJUICIO IRREMEDIABLE-Elementos \u00a0 PERJUICIO IRREMEDIABLE-Inexistencia por no reunirse los elementos requeridos \u00a0 El solo hecho de ser el actor una persona de la tercera edad con quebrantos de salud y que se encuentra a la espera de una decisi\u00f3n judicial, no constituye por s\u00ed mismo un perjuicio irremediable; se requiere, adem\u00e1s, que de esa situaci\u00f3n se origine la amenaza de ocurrencia de un perjuicio grave e inminente, que requiera una actuaci\u00f3n judicial inmediata e impostergable. Pues a pesar de la avanzada edad del se\u00f1or, en la actualidad est\u00e1 ...<br \/><div class=\"pt-cv-rmwrap\"><a href=\"https:\/\/www.dmsjuridica.com\/buscador_20179478954\/corteconstitucionalcronologico202454587\/t-536-03\/\" class=\"_self pt-cv-readmore btn btn-success\" target=\"_self\">Ver Sentencia Completa...<\/a><\/div><\/div><\/div><\/div>\n<div class=\"col-md-12 col-sm-12 col-xs-12 pt-cv-content-item pt-cv-1-col\" ><div class='pt-cv-ifield'><a href=\"https:\/\/www.dmsjuridica.com\/buscador_20179478954\/corteconstitucionalcronologico202454587\/t-535-03\/\" class=\"_self pt-cv-href-thumbnail pt-cv-thumb-default\" target=\"_self\" ><\/a>\n<div class=\"pt-cv-taxoterm above_title\"><a href='https:\/\/www.dmsjuridica.com\/buscador_20179478954\/corteconstitucionalcronologico202454587\/category\/buscar-en-toda-la-corte\/2003\/tutelas-2003\/' title='Tutelas 2003' class='pt-cv-tax-tutelas-2003'>Tutelas 2003<\/a><\/div>\n<h4 class=\"pt-cv-title\"><a href=\"https:\/\/www.dmsjuridica.com\/buscador_20179478954\/corteconstitucionalcronologico202454587\/t-535-03\/\" class=\"_self\" target=\"_self\" >T-535-03<\/a><\/h4>\n<div class=\"pt-cv-content\">\u00a0 \u00a0 Sentencia T-535\/03 \u00a0 LIBERTAD DE CATEDRA-Alcance \u00a0 LIBERTAD DE CATEDRA-Vulneraci\u00f3n cuando se impone al profesor un determinado m\u00e9todo\/LIBERTAD DE CATEDRA-Vulneraci\u00f3n cuando se excluye a un profesor arbitrariamente debido a las ideas que profesa\u00a0 \u00a0 La libertad de ense\u00f1anza y de c\u00e1tedra no s\u00f3lo resulta vulnerada ante la imposici\u00f3n al profesor de un determinado m\u00e9todo o ideolog\u00eda para impartir sus conocimientos, sino, adem\u00e1s, cuando debido a las ideas que profesa, al ejercicio de su derecho a disentir o a la manifestaci\u00f3n de sus opiniones acerca del manejo administrativo o acad\u00e9mico de la instituci\u00f3n, las autoridades o directivas del centro ...<br \/><div class=\"pt-cv-rmwrap\"><a href=\"https:\/\/www.dmsjuridica.com\/buscador_20179478954\/corteconstitucionalcronologico202454587\/t-535-03\/\" class=\"_self pt-cv-readmore btn btn-success\" target=\"_self\">Ver Sentencia Completa...<\/a><\/div><\/div><\/div><\/div>\n<div class=\"col-md-12 col-sm-12 col-xs-12 pt-cv-content-item pt-cv-1-col\" ><div class='pt-cv-ifield'><a href=\"https:\/\/www.dmsjuridica.com\/buscador_20179478954\/corteconstitucionalcronologico202454587\/t-534-03\/\" class=\"_self pt-cv-href-thumbnail pt-cv-thumb-default\" target=\"_self\" ><\/a>\n<div class=\"pt-cv-taxoterm above_title\"><a href='https:\/\/www.dmsjuridica.com\/buscador_20179478954\/corteconstitucionalcronologico202454587\/category\/buscar-en-toda-la-corte\/2003\/tutelas-2003\/' title='Tutelas 2003' class='pt-cv-tax-tutelas-2003'>Tutelas 2003<\/a><\/div>\n<h4 class=\"pt-cv-title\"><a href=\"https:\/\/www.dmsjuridica.com\/buscador_20179478954\/corteconstitucionalcronologico202454587\/t-534-03\/\" class=\"_self\" target=\"_self\" >T-534-03<\/a><\/h4>\n<div class=\"pt-cv-content\">\u00a0 \u00a0 Sentencia T-534\/03 \u00a0 AGENCIA OFICIOSA EN TUTELA-Enfermedad grave\/AGENCIA OFICIOSA EN TUTELA-C\u00f3nyuge en representaci\u00f3n de esposa enferma\/AGENCIA OFICIOSA EN TUTELA-Debe mediar prueba de la incapacidad para ejercer la propia defensa\u00a0 \u00a0 Entre c\u00f3nyuges se puede dar la agencia oficiosa, incluso que es obligatoria, porque los c\u00f3nyuges tienen deberes y derechos entre s\u00ed, se deben socorro y ayuda mutua en todas las circunstancias de la vida, por ello, cuando uno de los c\u00f3nyuges se encuentran bajo una grave enfermedad, \u00a0\u201cDesde luego, una enfermedad que incapacita al individuo, en raz\u00f3n de su gravedad, haciendo que en la pr\u00e1ctica le sea imposible ...<br \/><div class=\"pt-cv-rmwrap\"><a href=\"https:\/\/www.dmsjuridica.com\/buscador_20179478954\/corteconstitucionalcronologico202454587\/t-534-03\/\" class=\"_self pt-cv-readmore btn btn-success\" target=\"_self\">Ver Sentencia Completa...<\/a><\/div><\/div><\/div><\/div>\n<div class=\"col-md-12 col-sm-12 col-xs-12 pt-cv-content-item pt-cv-1-col\" ><div class='pt-cv-ifield'><a href=\"https:\/\/www.dmsjuridica.com\/buscador_20179478954\/corteconstitucionalcronologico202454587\/t-533-03\/\" class=\"_self pt-cv-href-thumbnail pt-cv-thumb-default\" target=\"_self\" ><\/a>\n<div class=\"pt-cv-taxoterm above_title\"><a href='https:\/\/www.dmsjuridica.com\/buscador_20179478954\/corteconstitucionalcronologico202454587\/category\/buscar-en-toda-la-corte\/2003\/tutelas-2003\/' title='Tutelas 2003' class='pt-cv-tax-tutelas-2003'>Tutelas 2003<\/a><\/div>\n<h4 class=\"pt-cv-title\"><a href=\"https:\/\/www.dmsjuridica.com\/buscador_20179478954\/corteconstitucionalcronologico202454587\/t-533-03\/\" class=\"_self\" target=\"_self\" >T-533-03<\/a><\/h4>\n<div class=\"pt-cv-content\">\u00a0 \u00a0 Sentencia T-533\/03 \u00a0 INCIDENTE DE DESACATO-Inaplicaci\u00f3n del recurso de apelaci\u00f3n \u00a0 ESTADO SOCIAL DE DERECHO-Cumplimiento de fallos judiciales \u00a0 El sometimiento a las \u00f3rdenes judiciales es uno de los pilares del concepto de Estado de derecho, pues \u201cdel cumplimiento de los fallos depende la confianza, el respeto, la convivencia pac\u00edfica y el leg\u00edtimo uso de la autoridad en una sociedad democr\u00e1tica\u201d. \u00a0 INCIDENTE DE DESACATO-Naturaleza jur\u00eddica \u00a0 INCIDENTE DE DESACATO-Objeto jur\u00eddico\/INCIDENTE DE DESACATO-Improcedencia de tutela para atacar la decisi\u00f3n judicial que lo resuelve \u00a0 INCIDENTE DE DESACATO-Improcedencia de tutela salvo que se presenten v\u00edas de hecho\u00a0 \u00a0 En ...<br \/><div class=\"pt-cv-rmwrap\"><a href=\"https:\/\/www.dmsjuridica.com\/buscador_20179478954\/corteconstitucionalcronologico202454587\/t-533-03\/\" class=\"_self pt-cv-readmore btn btn-success\" target=\"_self\">Ver Sentencia Completa...<\/a><\/div><\/div><\/div><\/div>\n<div class=\"col-md-12 col-sm-12 col-xs-12 pt-cv-content-item pt-cv-1-col\" ><div class='pt-cv-ifield'><a href=\"https:\/\/www.dmsjuridica.com\/buscador_20179478954\/corteconstitucionalcronologico202454587\/t-522-03\/\" class=\"_self pt-cv-href-thumbnail pt-cv-thumb-default\" target=\"_self\" ><\/a>\n<div class=\"pt-cv-taxoterm above_title\"><a href='https:\/\/www.dmsjuridica.com\/buscador_20179478954\/corteconstitucionalcronologico202454587\/category\/buscar-en-toda-la-corte\/2003\/tutelas-2003\/' title='Tutelas 2003' class='pt-cv-tax-tutelas-2003'>Tutelas 2003<\/a><\/div>\n<h4 class=\"pt-cv-title\"><a href=\"https:\/\/www.dmsjuridica.com\/buscador_20179478954\/corteconstitucionalcronologico202454587\/t-522-03\/\" class=\"_self\" target=\"_self\" >T-522-03<\/a><\/h4>\n<div class=\"pt-cv-content\">\u00a0 \u00a0 Sentencia T-522\/03 \u00a0 LEGITIMACION POR ACTIVA EN TUTELA-Representante legal de iglesia o ministro de culto \u00a0 La jurisprudencia constitucional ha establecido que en raz\u00f3n de la dimensi\u00f3n comunitaria del fen\u00f3meno religioso, en materia de libertad de cultos el titular del derecho puede ser un individuo o una colectividad, y \u00a0tambi\u00e9n ha se\u00f1alado que cuando se est\u00e1 frente a esta \u00faltima hip\u00f3tesis la protecci\u00f3n de los intereses y derechos de la \u00a0colectividad puede ser \u00a0solicitada por el representante legal de la iglesia o por uno de los ministros del culto. \u00a0 ACCION DE TUTELA FRENTE A MEDIO DE DEFENSA ...<br \/><div class=\"pt-cv-rmwrap\"><a href=\"https:\/\/www.dmsjuridica.com\/buscador_20179478954\/corteconstitucionalcronologico202454587\/t-522-03\/\" class=\"_self pt-cv-readmore btn btn-success\" target=\"_self\">Ver Sentencia Completa...<\/a><\/div><\/div><\/div><\/div>\n<div class=\"col-md-12 col-sm-12 col-xs-12 pt-cv-content-item pt-cv-1-col\" ><div class='pt-cv-ifield'><a href=\"https:\/\/www.dmsjuridica.com\/buscador_20179478954\/corteconstitucionalcronologico202454587\/t-520-03\/\" class=\"_self pt-cv-href-thumbnail pt-cv-thumb-default\" target=\"_self\" ><\/a>\n<div class=\"pt-cv-taxoterm above_title\"><a href='https:\/\/www.dmsjuridica.com\/buscador_20179478954\/corteconstitucionalcronologico202454587\/category\/buscar-en-toda-la-corte\/2003\/tutelas-2003\/' title='Tutelas 2003' class='pt-cv-tax-tutelas-2003'>Tutelas 2003<\/a><\/div>\n<h4 class=\"pt-cv-title\"><a href=\"https:\/\/www.dmsjuridica.com\/buscador_20179478954\/corteconstitucionalcronologico202454587\/t-520-03\/\" class=\"_self\" target=\"_self\" >T-520-03<\/a><\/h4>\n<div class=\"pt-cv-content\">\u00a0 \u00a0 Sentencia T-520\/03 \u00a0 SERVICIOS PUBLICOS-Concepto \u00a0 SERVICIOS PUBLICOS-Prestaci\u00f3n \u00a0 ACTIVIDAD BANCARIA-Naturaleza \u00a0 ACTIVIDAD BANCARIA-Es un servicio p\u00fablico \u00a0 LEGITIMACION POR PASIVA EN TUTELA-Entidad bancaria \u00a0 ACCION DE TUTELA-Finalidad \u00a0 JUEZ DE TUTELA-Funci\u00f3n protectora \u00a0 ACCION DE TUTELA-Subsidiariedad \u00a0 JUICIO DE IMPREVISIBILIDAD E IRRESISTIBILIDAD-Alcance\/SECUESTRO-Es irrazonable probar por el deudor las circunstancias de imprevisibilidad e irresistibilidad \u00a0 El juicio sobre la imprevisibilidad y la irresistibilidad supone que el juez examine la posici\u00f3n en que se encuentra el deudor en relaci\u00f3n con el hecho en s\u00ed, y no s\u00f3lo la ocurrencia objetiva del hecho. En el \u00e1mbito civil ordinario esta perspectiva ...<br \/><div class=\"pt-cv-rmwrap\"><a href=\"https:\/\/www.dmsjuridica.com\/buscador_20179478954\/corteconstitucionalcronologico202454587\/t-520-03\/\" class=\"_self pt-cv-readmore btn btn-success\" target=\"_self\">Ver Sentencia Completa...<\/a><\/div><\/div><\/div><\/div>\n<div class=\"col-md-12 col-sm-12 col-xs-12 pt-cv-content-item pt-cv-1-col\" ><div class='pt-cv-ifield'><a href=\"https:\/\/www.dmsjuridica.com\/buscador_20179478954\/corteconstitucionalcronologico202454587\/t-519-03\/\" class=\"_self pt-cv-href-thumbnail pt-cv-thumb-default\" target=\"_self\" ><\/a>\n<div class=\"pt-cv-taxoterm above_title\"><a href='https:\/\/www.dmsjuridica.com\/buscador_20179478954\/corteconstitucionalcronologico202454587\/category\/buscar-en-toda-la-corte\/2003\/tutelas-2003\/' title='Tutelas 2003' class='pt-cv-tax-tutelas-2003'>Tutelas 2003<\/a><\/div>\n<h4 class=\"pt-cv-title\"><a href=\"https:\/\/www.dmsjuridica.com\/buscador_20179478954\/corteconstitucionalcronologico202454587\/t-519-03\/\" class=\"_self\" target=\"_self\" >T-519-03<\/a><\/h4>\n<div class=\"pt-cv-content\">\u00a0 \u00a0 \u00a0\u00a0 \u00a0 \u00a0 \u00a0 \u00a0 \u00a0 \u00a0 \u00a0 \u00a0 \u00a0 \u00a0 \u00a0 \u00a0 \u00a0 \u00a0 \u00a0 \u00a0 \u00a0 \u00a0 \u00a0 \u00a0 \u00a0 \u00a0 \u00a0 \u00a0 \u00a0 \u00a0 \u00a0 \u00a0 \u00a0 \u00a0 \u00a0 \u00a0 \u00a0 \u00a0 \u00a0 \u00a0 \u00a0 \u00a0 \u00a0 \u00a0 \u00a0 \u00a0 \u00a0 \u00a0 \u00a0 \u00a0 \u00a0 \u00a0 \u00a0 \u00a0 \u00a0 \u00a0 \u00a0 \u00a0 \u00a0 \u00a0 \u00a0 \u00a0 \u00a0 \u00a0 \u00a0 \u00a0 \u00a0 \u00a0 \u00a0 \u00a0 \u00a0 \u00a0 \u00a0 \u00a0 \u00a0 \u00a0 \u00a0 \u00a0 \u00a0 \u00a0 \u00a0 \u00a0 \u00a0 \u00a0 \u00a0 \u00a0 \u00a0 \u00a0 \u00a0 \u00a0 \u00a0 \u00a0 \u00a0 \u00a0 \u00a0 \u00a0 \u00a0 \u00a0 \u00a0 \u00a0 \u00a0 ...<br \/><div class=\"pt-cv-rmwrap\"><a href=\"https:\/\/www.dmsjuridica.com\/buscador_20179478954\/corteconstitucionalcronologico202454587\/t-519-03\/\" class=\"_self pt-cv-readmore btn btn-success\" target=\"_self\">Ver Sentencia Completa...<\/a><\/div><\/div><\/div><\/div>\n<div class=\"col-md-12 col-sm-12 col-xs-12 pt-cv-content-item pt-cv-1-col\" ><div class='pt-cv-ifield'><a href=\"https:\/\/www.dmsjuridica.com\/buscador_20179478954\/corteconstitucionalcronologico202454587\/t-518-03\/\" class=\"_self pt-cv-href-thumbnail pt-cv-thumb-default\" target=\"_self\" ><\/a>\n<div class=\"pt-cv-taxoterm above_title\"><a href='https:\/\/www.dmsjuridica.com\/buscador_20179478954\/corteconstitucionalcronologico202454587\/category\/buscar-en-toda-la-corte\/2003\/tutelas-2003\/' title='Tutelas 2003' class='pt-cv-tax-tutelas-2003'>Tutelas 2003<\/a><\/div>\n<h4 class=\"pt-cv-title\"><a href=\"https:\/\/www.dmsjuridica.com\/buscador_20179478954\/corteconstitucionalcronologico202454587\/t-518-03\/\" class=\"_self\" target=\"_self\" >T-518-03<\/a><\/h4>\n<div class=\"pt-cv-content\">\u00a0 \u00a0 Sentencia T-518\/03 \u00a0 DERECHOS FUNDAMENTALES DE PERSONA JURIDICA-Se\u00f1alamiento de los que resultan aplicables y protecci\u00f3n por tutela \u00a0 ACCION DE TUTELA INTERPUESTA POR PROCURADUR\u00cdA-Procedencia \u00a0 ACCION DE TUTELA CONTRA PROVIDENCIAS JUDICIALES-Procedencia excepcional por v\u00eda de hecho judicial\/VIA DE HECHO-Concepto \u00a0 EXPROPIACION-Concepto \u00a0 El proceso de expropiaci\u00f3n es un proceso especial, mediante el cual se hace efectiva la orden de expropiaci\u00f3n impartida por una autoridad administrativa, por motivos de utilidad p\u00fablica o inter\u00e9s social, seg\u00fan lo previsto en el art\u00edculo 58 de la Constituci\u00f3n Pol\u00edtica. \u00a0 DEMANDA DE EXPROPIACION-Parte pasiva \u00a0 De acuerdo con lo preceptuado en el Art ...<br \/><div class=\"pt-cv-rmwrap\"><a href=\"https:\/\/www.dmsjuridica.com\/buscador_20179478954\/corteconstitucionalcronologico202454587\/t-518-03\/\" class=\"_self pt-cv-readmore btn btn-success\" target=\"_self\">Ver Sentencia Completa...<\/a><\/div><\/div><\/div><\/div>\n<div class=\"col-md-12 col-sm-12 col-xs-12 pt-cv-content-item pt-cv-1-col\" ><div class='pt-cv-ifield'><a href=\"https:\/\/www.dmsjuridica.com\/buscador_20179478954\/corteconstitucionalcronologico202454587\/t-517-03\/\" class=\"_self pt-cv-href-thumbnail pt-cv-thumb-default\" target=\"_self\" ><\/a>\n<div class=\"pt-cv-taxoterm above_title\"><a href='https:\/\/www.dmsjuridica.com\/buscador_20179478954\/corteconstitucionalcronologico202454587\/category\/buscar-en-toda-la-corte\/2003\/tutelas-2003\/' title='Tutelas 2003' class='pt-cv-tax-tutelas-2003'>Tutelas 2003<\/a><\/div>\n<h4 class=\"pt-cv-title\"><a href=\"https:\/\/www.dmsjuridica.com\/buscador_20179478954\/corteconstitucionalcronologico202454587\/t-517-03\/\" class=\"_self\" target=\"_self\" >T-517-03<\/a><\/h4>\n<div class=\"pt-cv-content\">\u00a0 \u00a0 Sentencia T- 517\/03 \u00a0 ENFERMEDADES CATASTROFICAS O RUINOSAS-Suministro de tratamiento por EPS sin cumplir periodo m\u00ednimo de cotizaci\u00f3n \u00a0 ENTIDAD PROMOTORA DE SALUD-Tratamiento de persona de escasos recursos sin cumplir periodo m\u00ednimo de cotizaci\u00f3n\/ENTIDAD PROMOTORA DE SALUD-Repetici\u00f3n contra el Fosyga \u00a0 ACCION DE TUTELA-Hecho superado \u00a0 Reiteraci\u00f3n de Jurisprudencia \u00a0 Referencia: expediente T-708543 \u00a0 Acci\u00f3n de tutela instaurada por Cecilia Clavijo Naranjo contra COMPENSAR E.P.S.. \u00a0 Magistrado Ponente: \u00a0 Dr. RODRIGO ESCOBAR GIL \u00a0 Bogot\u00e1, D.C., veinte (20) de junio dos mil tres (2003). \u00a0 La Sala Quinta de Revisi\u00f3n de la Corte Constitucional, en ejercicio de sus ...<br \/><div class=\"pt-cv-rmwrap\"><a href=\"https:\/\/www.dmsjuridica.com\/buscador_20179478954\/corteconstitucionalcronologico202454587\/t-517-03\/\" class=\"_self pt-cv-readmore btn btn-success\" target=\"_self\">Ver Sentencia Completa...<\/a><\/div><\/div><\/div><\/div>\n<div class=\"col-md-12 col-sm-12 col-xs-12 pt-cv-content-item pt-cv-1-col\" ><div class='pt-cv-ifield'><a href=\"https:\/\/www.dmsjuridica.com\/buscador_20179478954\/corteconstitucionalcronologico202454587\/t-516-03\/\" class=\"_self pt-cv-href-thumbnail pt-cv-thumb-default\" target=\"_self\" ><\/a>\n<div class=\"pt-cv-taxoterm above_title\"><a href='https:\/\/www.dmsjuridica.com\/buscador_20179478954\/corteconstitucionalcronologico202454587\/category\/buscar-en-toda-la-corte\/2003\/tutelas-2003\/' title='Tutelas 2003' class='pt-cv-tax-tutelas-2003'>Tutelas 2003<\/a><\/div>\n<h4 class=\"pt-cv-title\"><a href=\"https:\/\/www.dmsjuridica.com\/buscador_20179478954\/corteconstitucionalcronologico202454587\/t-516-03\/\" class=\"_self\" target=\"_self\" >T-516-03<\/a><\/h4>\n<div class=\"pt-cv-content\">\u00a0 \u00a0 Sentencia T-516\/03 \u00a0 ACCION DE TUTELA-Procedencia \u00a0 MEDIO DE DEFENSA JUDICIAL EFICAZ-Inexistencia \u00a0 ACCION DE TUTELA-Improcedencia general pago de acreencias laborales \u00a0 ACCION DE TUTELA-Procedencia excepcional pago acreencias laborales \u00a0 DERECHO AL MINIMO VITAL DEL PENSIONADO-Pago oportuno y completo de mesadas \u00a0 DERECHO AL MINIMO VITAL DEL PENSIONADO-Vulneraci\u00f3n por pago incompleto de mesadas \u00a0 ACTO ADMINISTRATIVO-Ordena pago de reajustes pensionales\/MEDIO DE DEFENSA JUDICIAL INEFICAZ-Pago oportuno de mesadas pensionales \u00a0 SENTENCIA DE LA CORTE CONSTITUCIONAL-Alcance de los efectos intercomunis\/DERECHO A LA IGUALDAD DEL PENSIONADO-Reajuste de mesadas \u00a0 Referencia: expediente T-709524 \u00a0\u00a0 \u00a0 Acci\u00f3n de tutela instaurada por Efra\u00edn Zapata ...<br \/><div class=\"pt-cv-rmwrap\"><a href=\"https:\/\/www.dmsjuridica.com\/buscador_20179478954\/corteconstitucionalcronologico202454587\/t-516-03\/\" class=\"_self pt-cv-readmore btn btn-success\" target=\"_self\">Ver Sentencia Completa...<\/a><\/div><\/div><\/div><\/div>\n<div class=\"col-md-12 col-sm-12 col-xs-12 pt-cv-content-item pt-cv-1-col\" ><div class='pt-cv-ifield'><a href=\"https:\/\/www.dmsjuridica.com\/buscador_20179478954\/corteconstitucionalcronologico202454587\/t-515-03\/\" class=\"_self pt-cv-href-thumbnail pt-cv-thumb-default\" target=\"_self\" ><\/a>\n<div class=\"pt-cv-taxoterm above_title\"><a href='https:\/\/www.dmsjuridica.com\/buscador_20179478954\/corteconstitucionalcronologico202454587\/category\/buscar-en-toda-la-corte\/2003\/tutelas-2003\/' title='Tutelas 2003' class='pt-cv-tax-tutelas-2003'>Tutelas 2003<\/a><\/div>\n<h4 class=\"pt-cv-title\"><a href=\"https:\/\/www.dmsjuridica.com\/buscador_20179478954\/corteconstitucionalcronologico202454587\/t-515-03\/\" class=\"_self\" target=\"_self\" >T-515-03<\/a><\/h4>\n<div class=\"pt-cv-content\">\u00a0 \u00a0 Sentencia T-515\/03 \u00a0 ENTIDAD PROMOTORA DE SALUD-Funciones \u00a0 ENTIDAD PROMOTORA DE SALUD-Funci\u00f3n general y esencial \u00a0 INSTITUCION PRESTADORA DE SALUD-Finalidad \u00a0 Se encargan principalmente de la prestaci\u00f3n de los servicios de salud de los afiliados al sistema de seguridad social, bien sea por contrato con entidades promotoras de salud o fuera de ellas, en su nivel de atenci\u00f3n correspondiente. Las I.P.S. prestan su servicio bajo las modalidades de atenci\u00f3n hospitalaria o ambulatoria. Esta \u00faltima puede ser a su vez intramural o extramural. \u00a0 ADMINISTRADORA DE RIESGOS PROFESIONALES-Finalidad \u00a0 ENTIDAD PROMOTORA DE SALUD-Prestaci\u00f3n del servicio de salud por accidente ...<br \/><div class=\"pt-cv-rmwrap\"><a href=\"https:\/\/www.dmsjuridica.com\/buscador_20179478954\/corteconstitucionalcronologico202454587\/t-515-03\/\" class=\"_self pt-cv-readmore btn btn-success\" target=\"_self\">Ver Sentencia Completa...<\/a><\/div><\/div><\/div><\/div>\n<div class=\"col-md-12 col-sm-12 col-xs-12 pt-cv-content-item pt-cv-1-col\" ><div class='pt-cv-ifield'><a href=\"https:\/\/www.dmsjuridica.com\/buscador_20179478954\/corteconstitucionalcronologico202454587\/t-514-03\/\" class=\"_self pt-cv-href-thumbnail pt-cv-thumb-default\" target=\"_self\" ><\/a>\n<div class=\"pt-cv-taxoterm above_title\"><a href='https:\/\/www.dmsjuridica.com\/buscador_20179478954\/corteconstitucionalcronologico202454587\/category\/buscar-en-toda-la-corte\/2003\/tutelas-2003\/' title='Tutelas 2003' class='pt-cv-tax-tutelas-2003'>Tutelas 2003<\/a><\/div>\n<h4 class=\"pt-cv-title\"><a href=\"https:\/\/www.dmsjuridica.com\/buscador_20179478954\/corteconstitucionalcronologico202454587\/t-514-03\/\" class=\"_self\" target=\"_self\" >T-514-03<\/a><\/h4>\n<div class=\"pt-cv-content\">\u00a0 \u00a0 Sentencia T-514\/03 \u00a0 ACCION DE TUTELA-R\u00e9gimen de procedibilidad contra actos administrativos \u00a0 ACCION DE TUTELA-Naturaleza \u00a0 ACCION DE TUTELA-Subsidiariedad \u00a0 ACCION DE TUTELA-Improcedencia cuando hay caducidad de la acci\u00f3n principal \u00a0 SUSPENSION PROVISIONAL DE ACTO ADMINISTRATIVO-Prevalencia de tutela \u00a0 SUSPENSION PROVISIONAL E INAPLICACION DE ACTO ADMINISTRATIVO EN MATERIA DE TUTELA-Competencia \u00a0 ACCION DE TUTELA-Efectos por uso indiscriminado e irresponsable \u00a0 La paulatina sustituci\u00f3n de los mecanismos ordinarios de protecci\u00f3n de derechos y de soluci\u00f3n de controversias por el uso indiscriminado e irresponsable de la acci\u00f3n de tutela entra\u00f1a (i) que se desfigure el papel institucional de la acci\u00f3n ...<br \/><div class=\"pt-cv-rmwrap\"><a href=\"https:\/\/www.dmsjuridica.com\/buscador_20179478954\/corteconstitucionalcronologico202454587\/t-514-03\/\" class=\"_self pt-cv-readmore btn btn-success\" target=\"_self\">Ver Sentencia Completa...<\/a><\/div><\/div><\/div><\/div>\n<div class=\"col-md-12 col-sm-12 col-xs-12 pt-cv-content-item pt-cv-1-col\" ><div class='pt-cv-ifield'><a href=\"https:\/\/www.dmsjuridica.com\/buscador_20179478954\/corteconstitucionalcronologico202454587\/t-513-03\/\" class=\"_self pt-cv-href-thumbnail pt-cv-thumb-default\" target=\"_self\" ><\/a>\n<div class=\"pt-cv-taxoterm above_title\"><a href='https:\/\/www.dmsjuridica.com\/buscador_20179478954\/corteconstitucionalcronologico202454587\/category\/buscar-en-toda-la-corte\/2003\/tutelas-2003\/' title='Tutelas 2003' class='pt-cv-tax-tutelas-2003'>Tutelas 2003<\/a><\/div>\n<h4 class=\"pt-cv-title\"><a href=\"https:\/\/www.dmsjuridica.com\/buscador_20179478954\/corteconstitucionalcronologico202454587\/t-513-03\/\" class=\"_self\" target=\"_self\" >T-513-03<\/a><\/h4>\n<div class=\"pt-cv-content\">\u00a0 \u00a0 Sentencia T-513\/03 \u00a0 ACCION DE TUTELA CONTRA ADMINISTRADOR DE CONJUNTO RESIDENCIAL-Procedencia \u00a0 ACCION DE TUTELA-Hecho superado \u00a0 Referencia: expediente T-684047 \u00a0 Magistrado Ponente: \u00a0 Dr. EDUARDO MONTEALEGRE LYNETT \u00a0 Bogot\u00e1, D.C., diecinueve (19) de junio de dos mil tres (2003).\u00a0 \u00a0 La Sala S\u00e9ptima de Revisi\u00f3n de la Corte Constitucional, integrada por los Magistrados Eduardo Montealegre Lynett, Alvaro Tafur Galvis y Clara In\u00e9s Vargas Hern\u00e1ndez, en ejercicio de sus competencias constitucionales y legales, profiere la siguiente \u00a0 SENTENCIA \u00a0 en el tr\u00e1mite de la petici\u00f3n de tutela promovida por Clarita In\u00e9s Silva de Le\u00f3n contra Carlos Julio Silva ...<br \/><div class=\"pt-cv-rmwrap\"><a href=\"https:\/\/www.dmsjuridica.com\/buscador_20179478954\/corteconstitucionalcronologico202454587\/t-513-03\/\" class=\"_self pt-cv-readmore btn btn-success\" target=\"_self\">Ver Sentencia Completa...<\/a><\/div><\/div><\/div><\/div>\n<div class=\"col-md-12 col-sm-12 col-xs-12 pt-cv-content-item pt-cv-1-col\" ><div class='pt-cv-ifield'><a href=\"https:\/\/www.dmsjuridica.com\/buscador_20179478954\/corteconstitucionalcronologico202454587\/t-512-03\/\" class=\"_self pt-cv-href-thumbnail pt-cv-thumb-default\" target=\"_self\" ><\/a>\n<div class=\"pt-cv-taxoterm above_title\"><a href='https:\/\/www.dmsjuridica.com\/buscador_20179478954\/corteconstitucionalcronologico202454587\/category\/buscar-en-toda-la-corte\/2003\/tutelas-2003\/' title='Tutelas 2003' class='pt-cv-tax-tutelas-2003'>Tutelas 2003<\/a><\/div>\n<h4 class=\"pt-cv-title\"><a href=\"https:\/\/www.dmsjuridica.com\/buscador_20179478954\/corteconstitucionalcronologico202454587\/t-512-03\/\" class=\"_self\" target=\"_self\" >T-512-03<\/a><\/h4>\n<div class=\"pt-cv-content\">\u00a0 \u00a0 Sentencia T-512\/03 \u00a0 ENTIDAD PROMOTORA DE SALUD-Continuidad en tratamiento de fertilidad ya iniciado \u00a0 DERECHO A LA SALUD-Tratamiento m\u00e9dico cuando la infertilidad es producto de otras enfermedades \u00a0 Referencia: expediente T-382014 \u00a0 Acci\u00f3n de tutela instaurada por Erlinda Mogoll\u00f3n Vargas contra Colseguros E.P.S. \u00a0 Magistrado Ponente: \u00a0 Dr. EDUARDO MONTEALEGRE LYNETT \u00a0 Bogot\u00e1 D.C., diecinueve (19) de junio de dos mil tres (2003). \u00a0 La Sala S\u00e9ptima de Revisi\u00f3n de la Corte Constitucional, integrada por los Magistrados Eduardo Montealegre Lynett, Alvaro Tafur Galvis y Clara In\u00e9s Vargas Hern\u00e1ndez, en uso de sus facultades constitucionales y legales ha proferido ...<br \/><div class=\"pt-cv-rmwrap\"><a href=\"https:\/\/www.dmsjuridica.com\/buscador_20179478954\/corteconstitucionalcronologico202454587\/t-512-03\/\" class=\"_self pt-cv-readmore btn btn-success\" target=\"_self\">Ver Sentencia Completa...<\/a><\/div><\/div><\/div><\/div>\n<div class=\"col-md-12 col-sm-12 col-xs-12 pt-cv-content-item pt-cv-1-col\" ><div class='pt-cv-ifield'><a href=\"https:\/\/www.dmsjuridica.com\/buscador_20179478954\/corteconstitucionalcronologico202454587\/t-511-03\/\" class=\"_self pt-cv-href-thumbnail pt-cv-thumb-default\" target=\"_self\" ><\/a>\n<div class=\"pt-cv-taxoterm above_title\"><a href='https:\/\/www.dmsjuridica.com\/buscador_20179478954\/corteconstitucionalcronologico202454587\/category\/buscar-en-toda-la-corte\/2003\/tutelas-2003\/' title='Tutelas 2003' class='pt-cv-tax-tutelas-2003'>Tutelas 2003<\/a><\/div>\n<h4 class=\"pt-cv-title\"><a href=\"https:\/\/www.dmsjuridica.com\/buscador_20179478954\/corteconstitucionalcronologico202454587\/t-511-03\/\" class=\"_self\" target=\"_self\" >T-511-03<\/a><\/h4>\n<div class=\"pt-cv-content\">\u00a0 \u00a0 Sentencia T-511\/03 \u00a0 ACCION DE TUTELA-Procedencia excepcional pago acreencias laborales \u00a0 DERECHO AL MINIMO VITAL DEL PENSIONADO-Pago oportuno de mesadas \u00a0 Referencia: expediente T-733035 \u00a0 Acci\u00f3n de tutela instaurada por Zoila Rosa del R\u00edo de Caviedes contra la Industria Licorera de Bol\u00edvar. \u00a0 Magistrado Ponente: \u00a0 Dr. MANUEL JOSE CEPEDA ESPINOSA \u00a0 Bogot\u00e1, D.C., diecinueve (19) de junio de dos mil tres (2003). \u00a0 La Sala Tercera de Revisi\u00f3n de la Corte Constitucional, en ejercicio de sus competencias constitucionales y legales, en particular las contenidas en los art\u00edculos 86 y 241, numeral 9, de la Constituci\u00f3n y el ...<br \/><div class=\"pt-cv-rmwrap\"><a href=\"https:\/\/www.dmsjuridica.com\/buscador_20179478954\/corteconstitucionalcronologico202454587\/t-511-03\/\" class=\"_self pt-cv-readmore btn btn-success\" target=\"_self\">Ver Sentencia Completa...<\/a><\/div><\/div><\/div><\/div>\n<div class=\"col-md-12 col-sm-12 col-xs-12 pt-cv-content-item pt-cv-1-col\" ><div class='pt-cv-ifield'><a href=\"https:\/\/www.dmsjuridica.com\/buscador_20179478954\/corteconstitucionalcronologico202454587\/t-510-03\/\" class=\"_self pt-cv-href-thumbnail pt-cv-thumb-default\" target=\"_self\" ><\/a>\n<div class=\"pt-cv-taxoterm above_title\"><a href='https:\/\/www.dmsjuridica.com\/buscador_20179478954\/corteconstitucionalcronologico202454587\/category\/buscar-en-toda-la-corte\/2003\/tutelas-2003\/' title='Tutelas 2003' class='pt-cv-tax-tutelas-2003'>Tutelas 2003<\/a><\/div>\n<h4 class=\"pt-cv-title\"><a href=\"https:\/\/www.dmsjuridica.com\/buscador_20179478954\/corteconstitucionalcronologico202454587\/t-510-03\/\" class=\"_self\" target=\"_self\" >T-510-03<\/a><\/h4>\n<div class=\"pt-cv-content\">\u00a0 \u00a0 Sentencia T-510\/03 \u00a0 INTERES SUPERIOR DEL MENOR-Concepto \u00a0 El inter\u00e9s superior del menor refleja una norma ampliamente aceptada por el derecho internacional, consistente en que al menor se le debe otorgar un trato preferente, acorde con su caracterizaci\u00f3n jur\u00eddica en tanto sujeto de especial protecci\u00f3n, de forma tal que se garantice su desarrollo integral y arm\u00f3nico como miembro de la sociedad. El inter\u00e9s superior del menor no constituye un ente abstracto, desprovisto de v\u00ednculos con la realidad concreta, sobre el cual se puedan formular reglas generales de aplicaci\u00f3n mec\u00e1nica. Al contrario: el contenido de dicho inter\u00e9s, que es ...<br \/><div class=\"pt-cv-rmwrap\"><a href=\"https:\/\/www.dmsjuridica.com\/buscador_20179478954\/corteconstitucionalcronologico202454587\/t-510-03\/\" class=\"_self pt-cv-readmore btn btn-success\" target=\"_self\">Ver Sentencia Completa...<\/a><\/div><\/div><\/div><\/div>\n<div class=\"col-md-12 col-sm-12 col-xs-12 pt-cv-content-item pt-cv-1-col\" ><div class='pt-cv-ifield'><a href=\"https:\/\/www.dmsjuridica.com\/buscador_20179478954\/corteconstitucionalcronologico202454587\/t-509-03\/\" class=\"_self pt-cv-href-thumbnail pt-cv-thumb-default\" target=\"_self\" ><\/a>\n<div class=\"pt-cv-taxoterm above_title\"><a href='https:\/\/www.dmsjuridica.com\/buscador_20179478954\/corteconstitucionalcronologico202454587\/category\/buscar-en-toda-la-corte\/2003\/tutelas-2003\/' title='Tutelas 2003' class='pt-cv-tax-tutelas-2003'>Tutelas 2003<\/a><\/div>\n<h4 class=\"pt-cv-title\"><a href=\"https:\/\/www.dmsjuridica.com\/buscador_20179478954\/corteconstitucionalcronologico202454587\/t-509-03\/\" class=\"_self\" target=\"_self\" >T-509-03<\/a><\/h4>\n<div class=\"pt-cv-content\">\u00a0 \u00a0 Sentencia T-509\/03 \u00a0 ACCION DE TUTELA-Titularidad\/PERSONA JURIDICA-Titularidad de derechos fundamentales \u00a0 ACCION DE TUTELA CONTRA PROVIDENCIAS JUDICIALES-Procedencia excepcional \u00a0 VIA DE HECHO-Clases de defectos en la actuaci\u00f3n \u00a0 VIA DE HECHO-Defecto f\u00e1ctico\/VIA DE HECHO-Error ostensible, flagrante y manifiesto en valoraci\u00f3n de pruebas \u00a0 VIA DE HECHO-Inexistencia para el caso \u00a0 VIA DE HECHO-Ausencia de requisitos para configuraci\u00f3n \u00a0 Referencia: expediente T-671555 \u00a0 Acci\u00f3n de tutela instaurada por Corporaci\u00f3n Universitaria Empresarial De Salamanca \u201cCunivemsa\u201d contra el Tribunal \u00a0Superior del Distrito Judicial de Santa Marta Sala Laboral \u00a0 Magistrado Ponente: \u00a0 Bogot\u00e1, D.C., diecinueve (19) de junio de dos mil ...<br \/><div class=\"pt-cv-rmwrap\"><a href=\"https:\/\/www.dmsjuridica.com\/buscador_20179478954\/corteconstitucionalcronologico202454587\/t-509-03\/\" class=\"_self pt-cv-readmore btn btn-success\" target=\"_self\">Ver Sentencia Completa...<\/a><\/div><\/div><\/div><\/div>\n<div class=\"col-md-12 col-sm-12 col-xs-12 pt-cv-content-item pt-cv-1-col\" ><div class='pt-cv-ifield'><a href=\"https:\/\/www.dmsjuridica.com\/buscador_20179478954\/corteconstitucionalcronologico202454587\/t-508-03\/\" class=\"_self pt-cv-href-thumbnail pt-cv-thumb-default\" target=\"_self\" ><\/a>\n<div class=\"pt-cv-taxoterm above_title\"><a href='https:\/\/www.dmsjuridica.com\/buscador_20179478954\/corteconstitucionalcronologico202454587\/category\/buscar-en-toda-la-corte\/2003\/tutelas-2003\/' title='Tutelas 2003' class='pt-cv-tax-tutelas-2003'>Tutelas 2003<\/a><\/div>\n<h4 class=\"pt-cv-title\"><a href=\"https:\/\/www.dmsjuridica.com\/buscador_20179478954\/corteconstitucionalcronologico202454587\/t-508-03\/\" class=\"_self\" target=\"_self\" >T-508-03<\/a><\/h4>\n<div class=\"pt-cv-content\">\u00a0 \u00a0 Sentencia T-508\/03 \u00a0 DERECHO A LA EDUCACION DEL NI\u00d1O-Prohibici\u00f3n de retiro de clases por no pago de pensi\u00f3n \u00a0 Es claro que la tutela debi\u00f3 haber sido concedida por los jueces de instancia, pues la situaci\u00f3n narrada por la demandante reviste la suficiente gravedad como para haber aplicado la jurisprudencia citada. En efecto, el que su hijo hubiera sido herido, y que los dineros destinados a pagar las mensualidades en el colegio se utilizaron en la cancelaci\u00f3n de servicios de salud para el menor, constituye sin duda alguna \u00a0un hecho sobreviniente que afecta la econom\u00eda familiar, m\u00e1s a\u00fan ...<br \/><div class=\"pt-cv-rmwrap\"><a href=\"https:\/\/www.dmsjuridica.com\/buscador_20179478954\/corteconstitucionalcronologico202454587\/t-508-03\/\" class=\"_self pt-cv-readmore btn btn-success\" target=\"_self\">Ver Sentencia Completa...<\/a><\/div><\/div><\/div><\/div>\n<div class=\"col-md-12 col-sm-12 col-xs-12 pt-cv-content-item pt-cv-1-col\" ><div class='pt-cv-ifield'><a href=\"https:\/\/www.dmsjuridica.com\/buscador_20179478954\/corteconstitucionalcronologico202454587\/t-507-03\/\" class=\"_self pt-cv-href-thumbnail pt-cv-thumb-default\" target=\"_self\" ><\/a>\n<div class=\"pt-cv-taxoterm above_title\"><a href='https:\/\/www.dmsjuridica.com\/buscador_20179478954\/corteconstitucionalcronologico202454587\/category\/buscar-en-toda-la-corte\/2003\/tutelas-2003\/' title='Tutelas 2003' class='pt-cv-tax-tutelas-2003'>Tutelas 2003<\/a><\/div>\n<h4 class=\"pt-cv-title\"><a href=\"https:\/\/www.dmsjuridica.com\/buscador_20179478954\/corteconstitucionalcronologico202454587\/t-507-03\/\" class=\"_self\" target=\"_self\" >T-507-03<\/a><\/h4>\n<div class=\"pt-cv-content\">\u00a0 \u00a0 Sentencia T-507\/03 \u00a0 PENSION DE SOBREVIVIENTES-Mora en el pago de los aportes y aceptaci\u00f3n del pago extempor\u00e1neo de las cotizaciones por Fondo Privado \u00a0 La entidad aqu\u00ed accionada acept\u00f3 el pago extempor\u00e1neo de las cotizaciones, las cuales sin embargo consider\u00f3 que no pod\u00edan ser tenidas en cuenta para efectos de proceder al reconocimiento de la pensi\u00f3n de sobrevivientes que se reclama, pues al haberse efectuado el pago luego de ocurrido el siniestro, estas no pod\u00edan contabilizarse como v\u00e1lidas. La Administradora de Fondo de Pensiones y Cesant\u00edas Santander S.A., debe entender que de conformidad con la jurisprudencia de esta ...<br \/><div class=\"pt-cv-rmwrap\"><a href=\"https:\/\/www.dmsjuridica.com\/buscador_20179478954\/corteconstitucionalcronologico202454587\/t-507-03\/\" class=\"_self pt-cv-readmore btn btn-success\" target=\"_self\">Ver Sentencia Completa...<\/a><\/div><\/div><\/div><\/div>\n<div class=\"col-md-12 col-sm-12 col-xs-12 pt-cv-content-item pt-cv-1-col\" ><div class='pt-cv-ifield'><a href=\"https:\/\/www.dmsjuridica.com\/buscador_20179478954\/corteconstitucionalcronologico202454587\/t-506-03\/\" class=\"_self pt-cv-href-thumbnail pt-cv-thumb-default\" target=\"_self\" ><\/a>\n<div class=\"pt-cv-taxoterm above_title\"><a href='https:\/\/www.dmsjuridica.com\/buscador_20179478954\/corteconstitucionalcronologico202454587\/category\/buscar-en-toda-la-corte\/2003\/tutelas-2003\/' title='Tutelas 2003' class='pt-cv-tax-tutelas-2003'>Tutelas 2003<\/a><\/div>\n<h4 class=\"pt-cv-title\"><a href=\"https:\/\/www.dmsjuridica.com\/buscador_20179478954\/corteconstitucionalcronologico202454587\/t-506-03\/\" class=\"_self\" target=\"_self\" >T-506-03<\/a><\/h4>\n<div class=\"pt-cv-content\">\u00a0 \u00a0 Sentencia T-506\/03 \u00a0 DERECHO A LA VIDA DIGNA-Suministro de aud\u00edfonos \u00a0 Reiteraci\u00f3n de Jurisprudencia \u00a0 Referencia: expediente T-713817 \u00a0 Acci\u00f3n de tutela instaurada por Luz Clemencia Vel\u00e1zquez Giraldo contra Comfenalco E.P.S. de Antioquia \u00a0 Magistrada Ponente: \u00a0 Dra. CLARA IN\u00c9S VARGAS HERN\u00c1NDEZ \u00a0 Bogot\u00e1, D.C., dieciocho (18) de junio de dos mil tres (2003). \u00a0 La Sala Novena de Revisi\u00f3n de la Corte Constitucional, integrada por los Magistrados CLARA IN\u00c9S VARGAS HERN\u00c1NDEZ, JAIME ARAUJO RENTER\u00cdA y ALFREDO BELTR\u00c1N SIERRA, en ejercicio de sus competencias constitucionales y legales, en particular las previstas en los art\u00edculos 86 y 241, numeral ...<br \/><div class=\"pt-cv-rmwrap\"><a href=\"https:\/\/www.dmsjuridica.com\/buscador_20179478954\/corteconstitucionalcronologico202454587\/t-506-03\/\" class=\"_self pt-cv-readmore btn btn-success\" target=\"_self\">Ver Sentencia Completa...<\/a><\/div><\/div><\/div><\/div>\n<div class=\"col-md-12 col-sm-12 col-xs-12 pt-cv-content-item pt-cv-1-col\" ><div class='pt-cv-ifield'><a href=\"https:\/\/www.dmsjuridica.com\/buscador_20179478954\/corteconstitucionalcronologico202454587\/t-505-03\/\" class=\"_self pt-cv-href-thumbnail pt-cv-thumb-default\" target=\"_self\" ><\/a>\n<div class=\"pt-cv-taxoterm above_title\"><a href='https:\/\/www.dmsjuridica.com\/buscador_20179478954\/corteconstitucionalcronologico202454587\/category\/buscar-en-toda-la-corte\/2003\/tutelas-2003\/' title='Tutelas 2003' class='pt-cv-tax-tutelas-2003'>Tutelas 2003<\/a><\/div>\n<h4 class=\"pt-cv-title\"><a href=\"https:\/\/www.dmsjuridica.com\/buscador_20179478954\/corteconstitucionalcronologico202454587\/t-505-03\/\" class=\"_self\" target=\"_self\" >T-505-03<\/a><\/h4>\n<div class=\"pt-cv-content\">\u00a0 \u00a0 Sentencia T-505\/03 \u00a0 DERECHO DE PETICION-Alcance y contenido \u00a0 SITUACION MILITAR-Definici\u00f3n \u00a0 DERECHO DE PETICION-Tramite de libreta militar \u00a0 El derecho de petici\u00f3n consiste en la facultad de toda persona para acudir \u00a0respetuosamente a una autoridad, lo que a su vez exige una resoluci\u00f3n pronta y oportuna. \u00a0As\u00ed mismo, se sostuvo que dicha respuesta no debe ser simplemente una comunicaci\u00f3n incompleta, evasiva o poco clara respecto a la solicitud presentada sino, por el contrario, una decisi\u00f3n que defina de fondo - sea positiva o negativamente- lo solicitado. La Sala advierte que el hecho de hab\u00e9rsele negado temporalmente al ...<br \/><div class=\"pt-cv-rmwrap\"><a href=\"https:\/\/www.dmsjuridica.com\/buscador_20179478954\/corteconstitucionalcronologico202454587\/t-505-03\/\" class=\"_self pt-cv-readmore btn btn-success\" target=\"_self\">Ver Sentencia Completa...<\/a><\/div><\/div><\/div><\/div>\n<div class=\"col-md-12 col-sm-12 col-xs-12 pt-cv-content-item pt-cv-1-col\" ><div class='pt-cv-ifield'><a href=\"https:\/\/www.dmsjuridica.com\/buscador_20179478954\/corteconstitucionalcronologico202454587\/t-504-03\/\" class=\"_self pt-cv-href-thumbnail pt-cv-thumb-default\" target=\"_self\" ><\/a>\n<div class=\"pt-cv-taxoterm above_title\"><a href='https:\/\/www.dmsjuridica.com\/buscador_20179478954\/corteconstitucionalcronologico202454587\/category\/buscar-en-toda-la-corte\/2003\/tutelas-2003\/' title='Tutelas 2003' class='pt-cv-tax-tutelas-2003'>Tutelas 2003<\/a><\/div>\n<h4 class=\"pt-cv-title\"><a href=\"https:\/\/www.dmsjuridica.com\/buscador_20179478954\/corteconstitucionalcronologico202454587\/t-504-03\/\" class=\"_self\" target=\"_self\" >T-504-03<\/a><\/h4>\n<div class=\"pt-cv-content\">\u00a0 \u00a0 Sentencia T-504\/03 \u00a0 DERECHO A LA SALUD-Tr\u00e1mites internos de la entidad prestadora del servicio no pueden afectarlo \u00a0 La falta de contratos no es excusa para no prestar la atenci\u00f3n m\u00e9dica que requieren los afiliados y beneficiarios, por cuanto es deber de las entidades prestadoras de los servicios de salud brindar de manera oportuna y efectiva los servicios m\u00e9dicos; m\u00e1s a\u00fan cuando realizan de manera \u00a0cumplida los aportes. La omisi\u00f3n de prestar los servicios m\u00e9dicos y el sometimiento a esperas que a la larga podr\u00edan ser interminables vulnera los derechos fundamentales a la salud y vida de los ...<br \/><div class=\"pt-cv-rmwrap\"><a href=\"https:\/\/www.dmsjuridica.com\/buscador_20179478954\/corteconstitucionalcronologico202454587\/t-504-03\/\" class=\"_self pt-cv-readmore btn btn-success\" target=\"_self\">Ver Sentencia Completa...<\/a><\/div><\/div><\/div><\/div>\n<div class=\"col-md-12 col-sm-12 col-xs-12 pt-cv-content-item pt-cv-1-col\" ><div class='pt-cv-ifield'><a href=\"https:\/\/www.dmsjuridica.com\/buscador_20179478954\/corteconstitucionalcronologico202454587\/t-503-03\/\" class=\"_self pt-cv-href-thumbnail pt-cv-thumb-default\" target=\"_self\" ><\/a>\n<div class=\"pt-cv-taxoterm above_title\"><a href='https:\/\/www.dmsjuridica.com\/buscador_20179478954\/corteconstitucionalcronologico202454587\/category\/buscar-en-toda-la-corte\/2003\/tutelas-2003\/' title='Tutelas 2003' class='pt-cv-tax-tutelas-2003'>Tutelas 2003<\/a><\/div>\n<h4 class=\"pt-cv-title\"><a href=\"https:\/\/www.dmsjuridica.com\/buscador_20179478954\/corteconstitucionalcronologico202454587\/t-503-03\/\" class=\"_self\" target=\"_self\" >T-503-03<\/a><\/h4>\n<div class=\"pt-cv-content\">\u00a0 \u00a0 Sentencia T-503\/03 \u00a0 AGENCIA OFICIOSA EN TUTELA-Falta de legitimaci\u00f3n por activa\/AGENCIA OFICIOSA EN TUTELA-Requisitos \u00a0 Si la afectada pod\u00eda por s\u00ed misma iniciar la acci\u00f3n de tutela deb\u00eda hacerlo sin esperar que otro agenciara sus derechos, porque esto refleja la autonom\u00eda de su voluntad, ya que se podr\u00eda llegar a desconocer lo que realmente desea la interesada lesionando su dignidad, sin importar las buenas y desinteresadas intenciones del tercero que agencia, ya que sus prop\u00f3sitos pueden no coincidir con los del interesado, y si coinciden sus intenciones, la afectada cuenta con la posibilidad de acudir personalmente ante cualquier ...<br \/><div class=\"pt-cv-rmwrap\"><a href=\"https:\/\/www.dmsjuridica.com\/buscador_20179478954\/corteconstitucionalcronologico202454587\/t-503-03\/\" class=\"_self pt-cv-readmore btn btn-success\" target=\"_self\">Ver Sentencia Completa...<\/a><\/div><\/div><\/div><\/div>\n<div class=\"col-md-12 col-sm-12 col-xs-12 pt-cv-content-item pt-cv-1-col\" ><div class='pt-cv-ifield'><a href=\"https:\/\/www.dmsjuridica.com\/buscador_20179478954\/corteconstitucionalcronologico202454587\/t-502-03\/\" class=\"_self pt-cv-href-thumbnail pt-cv-thumb-default\" target=\"_self\" ><\/a>\n<div class=\"pt-cv-taxoterm above_title\"><a href='https:\/\/www.dmsjuridica.com\/buscador_20179478954\/corteconstitucionalcronologico202454587\/category\/buscar-en-toda-la-corte\/2003\/tutelas-2003\/' title='Tutelas 2003' class='pt-cv-tax-tutelas-2003'>Tutelas 2003<\/a><\/div>\n<h4 class=\"pt-cv-title\"><a href=\"https:\/\/www.dmsjuridica.com\/buscador_20179478954\/corteconstitucionalcronologico202454587\/t-502-03\/\" class=\"_self\" target=\"_self\" >T-502-03<\/a><\/h4>\n<div class=\"pt-cv-content\">\u00a0 \u00a0 Sentencia T-502\/03 \u00a0 ACCION DE TUTELA TEMERARIA-Alcance \u00a0 ACCION DE TUTELA TEMERARIA-Concepto \u00a0 ACCION DE TUTELA TEMERARIA-Consecuencias \u00a0 ACCION DE TUTELA TEMERARIA-Demostraci\u00f3n plena con sujeci\u00f3n al debido proceso \u00a0 VIA DE HECHO-Sanci\u00f3n por temeridad al apelante \u00fanico \u00a0 Si esta Corte encuentra que un juez de segunda instancia ha impuesto una sanci\u00f3n por temeridad sin que el juez de primera hubiese impuesto sanci\u00f3n alguna, y el sancionado es apelante \u00fanico, tendr\u00e1 que revocar el fallo de aquel, toda vez que est\u00e1 ante una verdadera v\u00eda de hecho. Y la imposici\u00f3n de sanci\u00f3n por temeridad al apelante \u00fanico, por ...<br \/><div class=\"pt-cv-rmwrap\"><a href=\"https:\/\/www.dmsjuridica.com\/buscador_20179478954\/corteconstitucionalcronologico202454587\/t-502-03\/\" class=\"_self pt-cv-readmore btn btn-success\" target=\"_self\">Ver Sentencia Completa...<\/a><\/div><\/div><\/div><\/div>\n<div class=\"col-md-12 col-sm-12 col-xs-12 pt-cv-content-item pt-cv-1-col\" ><div class='pt-cv-ifield'><a href=\"https:\/\/www.dmsjuridica.com\/buscador_20179478954\/corteconstitucionalcronologico202454587\/t-501-03\/\" class=\"_self pt-cv-href-thumbnail pt-cv-thumb-default\" target=\"_self\" ><\/a>\n<div class=\"pt-cv-taxoterm above_title\"><a href='https:\/\/www.dmsjuridica.com\/buscador_20179478954\/corteconstitucionalcronologico202454587\/category\/buscar-en-toda-la-corte\/2003\/tutelas-2003\/' title='Tutelas 2003' class='pt-cv-tax-tutelas-2003'>Tutelas 2003<\/a><\/div>\n<h4 class=\"pt-cv-title\"><a href=\"https:\/\/www.dmsjuridica.com\/buscador_20179478954\/corteconstitucionalcronologico202454587\/t-501-03\/\" class=\"_self\" target=\"_self\" >T-501-03<\/a><\/h4>\n<div class=\"pt-cv-content\">SALARIO-Pago a beneficiarios del secuestrado \u00a0 SECUESTRO-Causal de fuerza mayor\/SECUESTRADO-Pago de salarios \u00a0 ACCION DE TUTELA-Procedencia para proteger derechos de dependientes econ\u00f3micos de secuestrados \u00a0 El flagelo que acosa a la sociedad colombiana, afecta derechos tan esenciales del ser humano como la vida y la subsistencia de las personas dependientes econ\u00f3micamente de un trabajador secuestrado o desaparecido, raz\u00f3n por la que, no es admisible considerar la existencia de otros medios de defensa judicial diferentes a la acci\u00f3n de tutela, m\u00e1xime cuando la desprotecci\u00f3n esta en cabeza de menores de edad. Derechos que prevalecen sobre los derechos de los dem\u00e1s. Bajo ...<br \/><div class=\"pt-cv-rmwrap\"><a href=\"https:\/\/www.dmsjuridica.com\/buscador_20179478954\/corteconstitucionalcronologico202454587\/t-501-03\/\" class=\"_self pt-cv-readmore btn btn-success\" target=\"_self\">Ver Sentencia Completa...<\/a><\/div><\/div><\/div><\/div>\n<div class=\"col-md-12 col-sm-12 col-xs-12 pt-cv-content-item pt-cv-1-col\" ><div class='pt-cv-ifield'><a href=\"https:\/\/www.dmsjuridica.com\/buscador_20179478954\/corteconstitucionalcronologico202454587\/t-500-03\/\" class=\"_self pt-cv-href-thumbnail pt-cv-thumb-default\" target=\"_self\" ><\/a>\n<div class=\"pt-cv-taxoterm above_title\"><a href='https:\/\/www.dmsjuridica.com\/buscador_20179478954\/corteconstitucionalcronologico202454587\/category\/buscar-en-toda-la-corte\/2003\/tutelas-2003\/' title='Tutelas 2003' class='pt-cv-tax-tutelas-2003'>Tutelas 2003<\/a><\/div>\n<h4 class=\"pt-cv-title\"><a href=\"https:\/\/www.dmsjuridica.com\/buscador_20179478954\/corteconstitucionalcronologico202454587\/t-500-03\/\" class=\"_self\" target=\"_self\" >T-500-03<\/a><\/h4>\n<div class=\"pt-cv-content\">\u00a0 \u00a0 Sentencia T-500\/03 \u00a0 DERECHO DE PETICION ANTE EMPRESA DE SERVICIOS PUBLICOS DOMICILIARIOS-Alcance \u00a0 DERECHO DE PETICION ANTE EMPRESA DE SERVICIOS PUBLICOS DOMICILIARIOS-Interposici\u00f3n de recursos cuando no se est\u00e1 de acuerdo con la respuesta \u00a0 Cualquier usuario o suscriptor que recibida la respectiva respuesta pero no comparta el contenido de la misma o la considere incompleta, contar\u00e1 con los recursos enunciados en la norma transcrita, para cuestionar la validez de la decisi\u00f3n. \u00a0 SERVICIOS PUBLICOS DOMICILIARIOS-Efectos por el incumplimiento en el pago de facturas \u00a0 El incumplimiento en el pago de las facturas hasta por dos periodos consecutivos, genera ...<br \/><div class=\"pt-cv-rmwrap\"><a href=\"https:\/\/www.dmsjuridica.com\/buscador_20179478954\/corteconstitucionalcronologico202454587\/t-500-03\/\" class=\"_self pt-cv-readmore btn btn-success\" target=\"_self\">Ver Sentencia Completa...<\/a><\/div><\/div><\/div><\/div>\n<div class=\"col-md-12 col-sm-12 col-xs-12 pt-cv-content-item pt-cv-1-col\" ><div class='pt-cv-ifield'><a href=\"https:\/\/www.dmsjuridica.com\/buscador_20179478954\/corteconstitucionalcronologico202454587\/t-499-03\/\" class=\"_self pt-cv-href-thumbnail pt-cv-thumb-default\" target=\"_self\" ><\/a>\n<div class=\"pt-cv-taxoterm above_title\"><a href='https:\/\/www.dmsjuridica.com\/buscador_20179478954\/corteconstitucionalcronologico202454587\/category\/buscar-en-toda-la-corte\/2003\/tutelas-2003\/' title='Tutelas 2003' class='pt-cv-tax-tutelas-2003'>Tutelas 2003<\/a><\/div>\n<h4 class=\"pt-cv-title\"><a href=\"https:\/\/www.dmsjuridica.com\/buscador_20179478954\/corteconstitucionalcronologico202454587\/t-499-03\/\" class=\"_self\" target=\"_self\" >T-499-03<\/a><\/h4>\n<div class=\"pt-cv-content\">\u00a0 \u00a0 Sentencia T-499\/03 \u00a0 JUEZ DE EJECUCION DE PENAS Y MEDIDAS DE SEGURIDAD-Competencia para aprobaci\u00f3n de cualquier medida administrativa que afecta el tiempo de privaci\u00f3n efectiva de libertad \u00a0 EJECUCION DE LA PENA-Funci\u00f3n jurisdiccional \u00a0 PRINCIPIO DE LEGALIDAD DE LA EJECUCION DE LA PENA \u00a0 DERECHO A LA VISITA CONYUGAL-Regulaci\u00f3n \u00a0 DERECHO A LA VISITA CONYUGAL Y AL LIBRE DESARROLLO DE LA PERSONALIDAD DEL INTERNO-Alcance \u00a0 ESTABLECIMIENTO CARCELARIO-Requisitos para ingreso de visitas no puede limitar derechos fundamentales\/ESTABLECIMIENTO CARCELARIO-Exigencia de certificado judicial a reclusa que realiza visita conyugal a otra \u00a0 A falta de reglamentaci\u00f3n espec\u00edfica, las autoridades carcelarias bien ...<br \/><div class=\"pt-cv-rmwrap\"><a href=\"https:\/\/www.dmsjuridica.com\/buscador_20179478954\/corteconstitucionalcronologico202454587\/t-499-03\/\" class=\"_self pt-cv-readmore btn btn-success\" target=\"_self\">Ver Sentencia Completa...<\/a><\/div><\/div><\/div><\/div>\n<div class=\"col-md-12 col-sm-12 col-xs-12 pt-cv-content-item pt-cv-1-col\" ><div class='pt-cv-ifield'><a href=\"https:\/\/www.dmsjuridica.com\/buscador_20179478954\/corteconstitucionalcronologico202454587\/t-498-03\/\" class=\"_self pt-cv-href-thumbnail pt-cv-thumb-default\" target=\"_self\" ><\/a>\n<div class=\"pt-cv-taxoterm above_title\"><a href='https:\/\/www.dmsjuridica.com\/buscador_20179478954\/corteconstitucionalcronologico202454587\/category\/buscar-en-toda-la-corte\/2003\/tutelas-2003\/' title='Tutelas 2003' class='pt-cv-tax-tutelas-2003'>Tutelas 2003<\/a><\/div>\n<h4 class=\"pt-cv-title\"><a href=\"https:\/\/www.dmsjuridica.com\/buscador_20179478954\/corteconstitucionalcronologico202454587\/t-498-03\/\" class=\"_self\" target=\"_self\" >T-498-03<\/a><\/h4>\n<div class=\"pt-cv-content\">\u00a0 \u00a0 Sentencia T-498\/03 \u00a0 SECUESTRO-Pago de salarios \u00a0 SALARIO-Pago a beneficiarios del secuestrado \u00a0 SECUESTRO-Prueba para pago de salarios a beneficiarios \u00a0 SECUESTRADO-Continuidad en el pago de salarios u honorarios \u00a0 SECUESTRADO-Continuidad en el pago de salarios u honorarios hasta su liberaci\u00f3n \u00a0 La regla general es que el derecho a la continuidad en el pago de salarios u honorarios procede hasta tanto se produzca la libertad del secuestrado o desaparecido. Por lo tanto, no se trata de una obligaci\u00f3n a perpetuidad e irredimible pues ella procede hasta tanto se cumpla una condici\u00f3n resolutoria pues, sea cual fuere el ...<br \/><div class=\"pt-cv-rmwrap\"><a href=\"https:\/\/www.dmsjuridica.com\/buscador_20179478954\/corteconstitucionalcronologico202454587\/t-498-03\/\" class=\"_self pt-cv-readmore btn btn-success\" target=\"_self\">Ver Sentencia Completa...<\/a><\/div><\/div><\/div><\/div>\n<div class=\"col-md-12 col-sm-12 col-xs-12 pt-cv-content-item pt-cv-1-col\" ><div class='pt-cv-ifield'><a href=\"https:\/\/www.dmsjuridica.com\/buscador_20179478954\/corteconstitucionalcronologico202454587\/t-497-03\/\" class=\"_self pt-cv-href-thumbnail pt-cv-thumb-default\" target=\"_self\" ><\/a>\n<div class=\"pt-cv-taxoterm above_title\"><a href='https:\/\/www.dmsjuridica.com\/buscador_20179478954\/corteconstitucionalcronologico202454587\/category\/buscar-en-toda-la-corte\/2003\/tutelas-2003\/' title='Tutelas 2003' class='pt-cv-tax-tutelas-2003'>Tutelas 2003<\/a><\/div>\n<h4 class=\"pt-cv-title\"><a href=\"https:\/\/www.dmsjuridica.com\/buscador_20179478954\/corteconstitucionalcronologico202454587\/t-497-03\/\" class=\"_self\" target=\"_self\" >T-497-03<\/a><\/h4>\n<div class=\"pt-cv-content\">\u00a0 \u00a0 \u00a0 \u00a0 Sentencia T-497\/03 \u00a0 PRINCIPIO DE IGUALDAD-Valoraci\u00f3n de razones objetivas que justifican el trato diferente \u00a0 DERECHO A LA IGUALDAD-Una misma situaci\u00f3n de hecho recibe el mismo tratamiento de derecho \u00a0 SITUACION INICIAL DE IGUALDAD O DESIGUALDAD-Alcance \u00a0 TEST DE IGUALDAD-Inexistencia de par\u00e1metros para aplicaci\u00f3n \u00a0 EDUCACION-Derecho deber Referencia: expediente T- 716598 \u00a0 Actor: Acci\u00f3n de tutela instaurada por el se\u00f1or Juan Domingo Torres Ojeda contra la Corporaci\u00f3n Universitaria de la Costa C.U.C. \u00a0 \u00a0 Procedencia: Juzgado Cuarto Civil del Circuito de Barranquilla. \u00a0 Magistrado Ponente:\u00a0 \u00a0 Dr. ALFREDO BELTR\u00c1N SIERRA. \u00a0 Bogot\u00e1 D.C., doce (12) de ...<br \/><div class=\"pt-cv-rmwrap\"><a href=\"https:\/\/www.dmsjuridica.com\/buscador_20179478954\/corteconstitucionalcronologico202454587\/t-497-03\/\" class=\"_self pt-cv-readmore btn btn-success\" target=\"_self\">Ver Sentencia Completa...<\/a><\/div><\/div><\/div><\/div>\n<div class=\"col-md-12 col-sm-12 col-xs-12 pt-cv-content-item pt-cv-1-col\" ><div class='pt-cv-ifield'><a href=\"https:\/\/www.dmsjuridica.com\/buscador_20179478954\/corteconstitucionalcronologico202454587\/t-496-03\/\" class=\"_self pt-cv-href-thumbnail pt-cv-thumb-default\" target=\"_self\" ><\/a>\n<div class=\"pt-cv-taxoterm above_title\"><a href='https:\/\/www.dmsjuridica.com\/buscador_20179478954\/corteconstitucionalcronologico202454587\/category\/buscar-en-toda-la-corte\/2003\/tutelas-2003\/' title='Tutelas 2003' class='pt-cv-tax-tutelas-2003'>Tutelas 2003<\/a><\/div>\n<h4 class=\"pt-cv-title\"><a href=\"https:\/\/www.dmsjuridica.com\/buscador_20179478954\/corteconstitucionalcronologico202454587\/t-496-03\/\" class=\"_self\" target=\"_self\" >T-496-03<\/a><\/h4>\n<div class=\"pt-cv-content\">\u00a0 \u00a0 Sentencia T-496\/03 \u00a0 ACCION DE TUTELA-Hecho consumado por fallecimiento del paciente \u00a0 ACCION DE TUTELA-Carencia actual de objeto \u00a0 ENTIDAD PROMOTORA DE SALUD-Obligaci\u00f3n de prestar atenci\u00f3n de urgencia \u00a0 SEGURIDAD SOCIAL EN SALUD-Continuidad como elemento esencial \u00a0 ACCION DE TUTELA-Fallecimiento del actor no exime de pronunciamiento de fondo \u00a0 ACCION DE TUTELA-Sustracci\u00f3n de materia \u00a0 Reiteraci\u00f3n de Jurisprudencia \u00a0 Referencia: expediente T-704073 \u00a0 Acci\u00f3n de tutela instaurada por Jorge Garc\u00eda Franco contra el Instituto del Seguros Sociales. \u00a0 Magistrada Ponente: \u00a0 Dra. CLARA IN\u00c9S VARGAS HERN\u00c1NDEZ \u00a0 Bogot\u00e1, D.C., doce (12) de junio de dos mil tres (2003) ...<br \/><div class=\"pt-cv-rmwrap\"><a href=\"https:\/\/www.dmsjuridica.com\/buscador_20179478954\/corteconstitucionalcronologico202454587\/t-496-03\/\" class=\"_self pt-cv-readmore btn btn-success\" target=\"_self\">Ver Sentencia Completa...<\/a><\/div><\/div><\/div><\/div>\n<div class=\"col-md-12 col-sm-12 col-xs-12 pt-cv-content-item pt-cv-1-col\" ><div class='pt-cv-ifield'><a href=\"https:\/\/www.dmsjuridica.com\/buscador_20179478954\/corteconstitucionalcronologico202454587\/t-495-03\/\" class=\"_self pt-cv-href-thumbnail pt-cv-thumb-default\" target=\"_self\" ><\/a>\n<div class=\"pt-cv-taxoterm above_title\"><a href='https:\/\/www.dmsjuridica.com\/buscador_20179478954\/corteconstitucionalcronologico202454587\/category\/buscar-en-toda-la-corte\/2003\/tutelas-2003\/' title='Tutelas 2003' class='pt-cv-tax-tutelas-2003'>Tutelas 2003<\/a><\/div>\n<h4 class=\"pt-cv-title\"><a href=\"https:\/\/www.dmsjuridica.com\/buscador_20179478954\/corteconstitucionalcronologico202454587\/t-495-03\/\" class=\"_self\" target=\"_self\" >T-495-03<\/a><\/h4>\n<div class=\"pt-cv-content\">\u00a0 \u00a0 Sentencia T-495\/03 \u00a0 DERECHO A LA SALUD Y A LA SEGURIDAD SOCIAL-Fundamental por conexidad con la vida \u00a0 DERECHO A LA PENSION DE INVALIDEZ-Fundamental por conexidad con el m\u00ednimo vital\/DERECHO A LA PENSION DE INVALIDEZ-Protecci\u00f3n a personas discapacitadas \u00a0 DERECHO A LA IGUALDAD-Protecci\u00f3n de personas en circunstancias de debilidad manifiesta \u00a0 DERECHO A LA SALUD DEL DISMINUIDO FISICO Y PSIQUICO-Protecci\u00f3n especial \u00a0 DERECHO A LA PENSION DE INVALIDEZ-Evaluaciones m\u00e9dicas peri\u00f3dicas \u00a0 La Corte ha manifestado que en estos casos, si el ciudadano manifiesta expresamente que padece de circunstancias que lo inhabilitan para trabajar y que presenta dolencias espec\u00edficas, ...<br \/><div class=\"pt-cv-rmwrap\"><a href=\"https:\/\/www.dmsjuridica.com\/buscador_20179478954\/corteconstitucionalcronologico202454587\/t-495-03\/\" class=\"_self pt-cv-readmore btn btn-success\" target=\"_self\">Ver Sentencia Completa...<\/a><\/div><\/div><\/div><\/div>\n<div class=\"col-md-12 col-sm-12 col-xs-12 pt-cv-content-item pt-cv-1-col\" ><div class='pt-cv-ifield'><a href=\"https:\/\/www.dmsjuridica.com\/buscador_20179478954\/corteconstitucionalcronologico202454587\/t-494-03\/\" class=\"_self pt-cv-href-thumbnail pt-cv-thumb-default\" target=\"_self\" ><\/a>\n<div class=\"pt-cv-taxoterm above_title\"><a href='https:\/\/www.dmsjuridica.com\/buscador_20179478954\/corteconstitucionalcronologico202454587\/category\/buscar-en-toda-la-corte\/2003\/tutelas-2003\/' title='Tutelas 2003' class='pt-cv-tax-tutelas-2003'>Tutelas 2003<\/a><\/div>\n<h4 class=\"pt-cv-title\"><a href=\"https:\/\/www.dmsjuridica.com\/buscador_20179478954\/corteconstitucionalcronologico202454587\/t-494-03\/\" class=\"_self\" target=\"_self\" >T-494-03<\/a><\/h4>\n<div class=\"pt-cv-content\">\u00a0 \u00a0 Sentencia T-494\/03 \u00a0 DERECHO A LA SALUD-Fundamental por conexidad con la vida \u00a0 SISTEMA DE SEGURIDAD SOCIAL EN SALUD-Deber de los usuarios de cumplir con exigencias legales de las entidades prestadoras del servicio \u00a0 Referencia: expediente T-704626 \u00a0 Peticionario: Leonor Rocha de Ariza \u00a0 Accionado: Fondo de Pasivo Social de Ferrocarriles Nacionales de Colombia \u00a0 Magistrado Ponente: \u00a0 Dr. MARCO GERARDO MONROY CABRA \u00a0 Bogot\u00e1 D.C., doce (12) de junio dos mil tres (2003). \u00a0 La Sala Sexta de la Corte Constitucional, integrada por los Magistrados Eduardo Montealegre Lynett, Alvaro Tafur Galvis y Marco Gerardo Monroy Cabra, quien ...<br \/><div class=\"pt-cv-rmwrap\"><a href=\"https:\/\/www.dmsjuridica.com\/buscador_20179478954\/corteconstitucionalcronologico202454587\/t-494-03\/\" class=\"_self pt-cv-readmore btn btn-success\" target=\"_self\">Ver Sentencia Completa...<\/a><\/div><\/div><\/div><\/div>\n<div class=\"col-md-12 col-sm-12 col-xs-12 pt-cv-content-item pt-cv-1-col\" ><div class='pt-cv-ifield'><a href=\"https:\/\/www.dmsjuridica.com\/buscador_20179478954\/corteconstitucionalcronologico202454587\/t-493-03\/\" class=\"_self pt-cv-href-thumbnail pt-cv-thumb-default\" target=\"_self\" ><\/a>\n<div class=\"pt-cv-taxoterm above_title\"><a href='https:\/\/www.dmsjuridica.com\/buscador_20179478954\/corteconstitucionalcronologico202454587\/category\/buscar-en-toda-la-corte\/2003\/tutelas-2003\/' title='Tutelas 2003' class='pt-cv-tax-tutelas-2003'>Tutelas 2003<\/a><\/div>\n<h4 class=\"pt-cv-title\"><a href=\"https:\/\/www.dmsjuridica.com\/buscador_20179478954\/corteconstitucionalcronologico202454587\/t-493-03\/\" class=\"_self\" target=\"_self\" >T-493-03<\/a><\/h4>\n<div class=\"pt-cv-content\">\u00a0 \u00a0 \u00a0\u00a0 Sentencia T-493\/03 \u00a0 DERECHO DE ACCESO A LA ADMINISTRACION DE JUSTICIA \u00a0 ADMINISTRACION DE JUSTICIA-Competencia permanente y ordinaria\/ADMINISTRACION DE JUSTICIA-Funci\u00f3n p\u00fablica estatal de naturaleza esencial \u00a0 ADMINISTRACION DE JUSTICIA-Resoluci\u00f3n oportuna de procesos \u00a0 DEBIDO PROCESO PUBLICO SIN DILACIONES INJUSTIFICADAS-Observancia de t\u00e9rminos judiciales \u00a0 DEBIDO PROCESO-Dilaci\u00f3n injustificada en elaboraci\u00f3n del acta de audiencia p\u00fablica \u00a0 Referencia: expediente T-697770\u00a0 \u00a0 Peticionario: Mayermo Cruz Betancur \u00a0 Procedencia: Tribunal Superior de Yopal \u00a0 Magistrado Ponente: \u00a0 Dr. MARCO GERARDO MONROY CABRA \u00a0 Bogot\u00e1, D.C., \u00a0once (11) de junio de dos mil tres (2003). \u00a0 La Sala Sexta de Revisi\u00f3n de la ...<br \/><div class=\"pt-cv-rmwrap\"><a href=\"https:\/\/www.dmsjuridica.com\/buscador_20179478954\/corteconstitucionalcronologico202454587\/t-493-03\/\" class=\"_self pt-cv-readmore btn btn-success\" target=\"_self\">Ver Sentencia Completa...<\/a><\/div><\/div><\/div><\/div>\n<div class=\"col-md-12 col-sm-12 col-xs-12 pt-cv-content-item pt-cv-1-col\" ><div class='pt-cv-ifield'><a href=\"https:\/\/www.dmsjuridica.com\/buscador_20179478954\/corteconstitucionalcronologico202454587\/t-492-03\/\" class=\"_self pt-cv-href-thumbnail pt-cv-thumb-default\" target=\"_self\" ><\/a>\n<div class=\"pt-cv-taxoterm above_title\"><a href='https:\/\/www.dmsjuridica.com\/buscador_20179478954\/corteconstitucionalcronologico202454587\/category\/buscar-en-toda-la-corte\/2003\/tutelas-2003\/' title='Tutelas 2003' class='pt-cv-tax-tutelas-2003'>Tutelas 2003<\/a><\/div>\n<h4 class=\"pt-cv-title\"><a href=\"https:\/\/www.dmsjuridica.com\/buscador_20179478954\/corteconstitucionalcronologico202454587\/t-492-03\/\" class=\"_self\" target=\"_self\" >T-492-03<\/a><\/h4>\n<div class=\"pt-cv-content\">\u00a0 \u00a0 Sentencia T-492\/03 \u00a0 DERECHO A LA IGUALDAD ENTRE HIJOS-Prohibici\u00f3n de discriminaci\u00f3n entre leg\u00edtimos y extramatrimoniales \u00a0 DERECHO A LA IGUALDAD-Discriminaci\u00f3n por trato diferente \u00a0 DERECHO A LA IGUALDAD ENTRE HIJOS-Distribuci\u00f3n equitativa de recursos de los padres \u00a0 Un factor central en materia de trato igual a los hijos, est\u00e1 definido por la equitativa \u2013no id\u00e9ntica- distribuci\u00f3n de los recursos de los padres hacia \u00e9stos. Si bien est\u00e1n autorizados tratos diferenciales, \u00e9stos no pueden tener como base una raz\u00f3n o finalidad discriminatoria. La prohibici\u00f3n de distribuciones inconstitucionales de recursos familiares tiene hondas implicaciones para la fijaci\u00f3n de las cuotas ...<br \/><div class=\"pt-cv-rmwrap\"><a href=\"https:\/\/www.dmsjuridica.com\/buscador_20179478954\/corteconstitucionalcronologico202454587\/t-492-03\/\" class=\"_self pt-cv-readmore btn btn-success\" target=\"_self\">Ver Sentencia Completa...<\/a><\/div><\/div><\/div><\/div>\n<div class=\"col-md-12 col-sm-12 col-xs-12 pt-cv-content-item pt-cv-1-col\" ><div class='pt-cv-ifield'><a href=\"https:\/\/www.dmsjuridica.com\/buscador_20179478954\/corteconstitucionalcronologico202454587\/t-491-03\/\" class=\"_self pt-cv-href-thumbnail pt-cv-thumb-default\" target=\"_self\" ><\/a>\n<div class=\"pt-cv-taxoterm above_title\"><a href='https:\/\/www.dmsjuridica.com\/buscador_20179478954\/corteconstitucionalcronologico202454587\/category\/buscar-en-toda-la-corte\/2003\/tutelas-2003\/' title='Tutelas 2003' class='pt-cv-tax-tutelas-2003'>Tutelas 2003<\/a><\/div>\n<h4 class=\"pt-cv-title\"><a href=\"https:\/\/www.dmsjuridica.com\/buscador_20179478954\/corteconstitucionalcronologico202454587\/t-491-03\/\" class=\"_self\" target=\"_self\" >T-491-03<\/a><\/h4>\n<div class=\"pt-cv-content\">DERECHO A LA EDUCACION-Fundamental\/DERECHO A LA EDUCACION-N\u00facleo esencial \u00a0 EDUCACION-Derecho y servicio p\u00fablico con funci\u00f3n social \u00a0 EDUCACION-Derecho deber \u00a0 DEBIDO PROCESO-Imposici\u00f3n de sanciones\/DEBIDO PROCESO-Aplicaci\u00f3n en procesos sancionatorios educativos\/PROCESO DISCIPLINARIO-Objeto \u00a0 INSTITUCION EDUCATIVA-Potestad sancionatoria debe estar sujeta al debido proceso \u00a0 REGLAMENTO EDUCATIVO-Potestad sancionadora sometida a garant\u00edas constitucionales \u00a0 DERECHO AL LIBRE DESARROLLO DE LA PERSONALIDAD-Alcance\/DERECHO AL LIBRE DESARROLLO DE LA PERSONALIDAD-L\u00edmites \u00a0 DERECHO A LA LIBRE OPCION SEXUAL-No la puede coartar el establecimiento educativo \u00a0 DERECHO AL LIBRE DESARROLLO DE LA PERSONALIDAD-Resulta arbitraria la limitaci\u00f3n con fundamento exclusivo en la moral \u00a0 PROCESO EDUCATIVO-Tolerancia respecto a la diversidad e ...<br \/><div class=\"pt-cv-rmwrap\"><a href=\"https:\/\/www.dmsjuridica.com\/buscador_20179478954\/corteconstitucionalcronologico202454587\/t-491-03\/\" class=\"_self pt-cv-readmore btn btn-success\" target=\"_self\">Ver Sentencia Completa...<\/a><\/div><\/div><\/div><\/div>\n<div class=\"col-md-12 col-sm-12 col-xs-12 pt-cv-content-item pt-cv-1-col\" ><div class='pt-cv-ifield'><a href=\"https:\/\/www.dmsjuridica.com\/buscador_20179478954\/corteconstitucionalcronologico202454587\/t-490-03\/\" class=\"_self pt-cv-href-thumbnail pt-cv-thumb-default\" target=\"_self\" ><\/a>\n<div class=\"pt-cv-taxoterm above_title\"><a href='https:\/\/www.dmsjuridica.com\/buscador_20179478954\/corteconstitucionalcronologico202454587\/category\/buscar-en-toda-la-corte\/2003\/tutelas-2003\/' title='Tutelas 2003' class='pt-cv-tax-tutelas-2003'>Tutelas 2003<\/a><\/div>\n<h4 class=\"pt-cv-title\"><a href=\"https:\/\/www.dmsjuridica.com\/buscador_20179478954\/corteconstitucionalcronologico202454587\/t-490-03\/\" class=\"_self\" target=\"_self\" >T-490-03<\/a><\/h4>\n<div class=\"pt-cv-content\">\u00a0 \u00a0 Sentencia T-490\/03 \u00a0 EMPRESA DE SERVICIOS PUBLICOS DOMICILIARIOS-Suspensi\u00f3n del servicio por mora en el pago de facturas \u00a0 SERVICIO DE ENERGIA-Desconexi\u00f3n por no pagar el arrendatario m\u00e1s de tres periodos facturados \u00a0 POSICION DOMINANTE-Empresa que presta servicio de energ\u00eda sobre el usuario \u00a0 DEBIDO PROCESO-Facturaci\u00f3n de energ\u00eda a propietario sustra\u00edda fraudulentamente por arrendatario\/IGUALDAD DE TRATO-Facturaci\u00f3n de energ\u00eda a propietario a pesar de corte a arrendatario por conexi\u00f3n fraudulenta \u00a0 EMPRESA DE SERVICIOS PUBLICOS DOMICILIARIOS-Reinstalaci\u00f3n servicio de energ\u00eda a propietario \u00a0 EMPRESA DE ENERGIA ELECTRICA-Suspensi\u00f3n del servicio cuando hab\u00edan pasado m\u00e1s de tres periodos de mora en el pago ...<br \/><div class=\"pt-cv-rmwrap\"><a href=\"https:\/\/www.dmsjuridica.com\/buscador_20179478954\/corteconstitucionalcronologico202454587\/t-490-03\/\" class=\"_self pt-cv-readmore btn btn-success\" target=\"_self\">Ver Sentencia Completa...<\/a><\/div><\/div><\/div><\/div>\n<div class=\"col-md-12 col-sm-12 col-xs-12 pt-cv-content-item pt-cv-1-col\" ><div class='pt-cv-ifield'><a href=\"https:\/\/www.dmsjuridica.com\/buscador_20179478954\/corteconstitucionalcronologico202454587\/t-489-03\/\" class=\"_self pt-cv-href-thumbnail pt-cv-thumb-default\" target=\"_self\" ><\/a>\n<div class=\"pt-cv-taxoterm above_title\"><a href='https:\/\/www.dmsjuridica.com\/buscador_20179478954\/corteconstitucionalcronologico202454587\/category\/buscar-en-toda-la-corte\/2003\/tutelas-2003\/' title='Tutelas 2003' class='pt-cv-tax-tutelas-2003'>Tutelas 2003<\/a><\/div>\n<h4 class=\"pt-cv-title\"><a href=\"https:\/\/www.dmsjuridica.com\/buscador_20179478954\/corteconstitucionalcronologico202454587\/t-489-03\/\" class=\"_self\" target=\"_self\" >T-489-03<\/a><\/h4>\n<div class=\"pt-cv-content\">\u00a0 \u00a0 Sentencia T-489\/03 \u00a0 MEDIO DE DEFENSA JUDICIAL-Reembolso de dineros por asunci\u00f3n de costos m\u00e9dicos \u00a0 ACCION DE TUTELA-Improcedencia reembolso de dineros por asunci\u00f3n de costos m\u00e9dicos \u00a0 ACCION DE TUTELA-Improcedencia sobre controversias econ\u00f3micas \u00a0 Reiteraci\u00f3n de Jurisprudencia \u00a0 Referencia: expediente T-705490 \u00a0 Acci\u00f3n de tutela presentada por Clara In\u00e9s Oliveros Gonz\u00e1lez contra SALUD COLMENA E.P.S. \u00a0 Magistrado Ponente: \u00a0 Dr. RODRIGO ESCOBAR GIL. \u00a0 Bogot\u00e1, D.C., once (11) de junio dos mil tres (2003). \u00a0 La Sala Quinta de Revisi\u00f3n de la Corte Constitucional, en ejercicio de sus competencias constitucionales y legales, en particular las contenidas en los ...<br \/><div class=\"pt-cv-rmwrap\"><a href=\"https:\/\/www.dmsjuridica.com\/buscador_20179478954\/corteconstitucionalcronologico202454587\/t-489-03\/\" class=\"_self pt-cv-readmore btn btn-success\" target=\"_self\">Ver Sentencia Completa...<\/a><\/div><\/div><\/div><\/div>\n<div class=\"col-md-12 col-sm-12 col-xs-12 pt-cv-content-item pt-cv-1-col\" ><div class='pt-cv-ifield'><a href=\"https:\/\/www.dmsjuridica.com\/buscador_20179478954\/corteconstitucionalcronologico202454587\/t-488-03\/\" class=\"_self pt-cv-href-thumbnail pt-cv-thumb-default\" target=\"_self\" ><\/a>\n<div class=\"pt-cv-taxoterm above_title\"><a href='https:\/\/www.dmsjuridica.com\/buscador_20179478954\/corteconstitucionalcronologico202454587\/category\/buscar-en-toda-la-corte\/2003\/tutelas-2003\/' title='Tutelas 2003' class='pt-cv-tax-tutelas-2003'>Tutelas 2003<\/a><\/div>\n<h4 class=\"pt-cv-title\"><a href=\"https:\/\/www.dmsjuridica.com\/buscador_20179478954\/corteconstitucionalcronologico202454587\/t-488-03\/\" class=\"_self\" target=\"_self\" >T-488-03<\/a><\/h4>\n<div class=\"pt-cv-content\">\u00a0 \u00a0 Sentencia T-488\/03 \u00a0 DERECHO DE PETICION-T\u00e9rmino para resolver reconocimiento y pago de pensiones\/PENSION DE JUBILACION-T\u00e9rmino de seis meses para tr\u00e1mite y pago \u00a0 ACCION DE TUTELA-Hecho superado por cuanto ya se recibi\u00f3 respuesta a la petici\u00f3n \u00a0 Referencia: expediente T-694372 y acumulados. \u00a0 Accionantes: Alvaro Barbosa Torres y otros \u00a0 Accionado: Caja Nacional de Previsi\u00f3n Social. \u00a0 \u00a0 Magistrado Ponente:\u00a0 \u00a0 Dr. RODRIGO ESCOBAR GIL \u00a0 Bogot\u00e1, D.C., once (11) de junio de dos mil tres (2003). \u00a0 La Sala Quinta de Revisi\u00f3n de la Corte Constitucional, integrada por los Magistrados Rodrigo Escobar Gil - Presidente -, Marco ...<br \/><div class=\"pt-cv-rmwrap\"><a href=\"https:\/\/www.dmsjuridica.com\/buscador_20179478954\/corteconstitucionalcronologico202454587\/t-488-03\/\" class=\"_self pt-cv-readmore btn btn-success\" target=\"_self\">Ver Sentencia Completa...<\/a><\/div><\/div><\/div><\/div>\n<div class=\"col-md-12 col-sm-12 col-xs-12 pt-cv-content-item pt-cv-1-col\" ><div class='pt-cv-ifield'><a href=\"https:\/\/www.dmsjuridica.com\/buscador_20179478954\/corteconstitucionalcronologico202454587\/t-487-03\/\" class=\"_self pt-cv-href-thumbnail pt-cv-thumb-default\" target=\"_self\" ><\/a>\n<div class=\"pt-cv-taxoterm above_title\"><a href='https:\/\/www.dmsjuridica.com\/buscador_20179478954\/corteconstitucionalcronologico202454587\/category\/buscar-en-toda-la-corte\/2003\/tutelas-2003\/' title='Tutelas 2003' class='pt-cv-tax-tutelas-2003'>Tutelas 2003<\/a><\/div>\n<h4 class=\"pt-cv-title\"><a href=\"https:\/\/www.dmsjuridica.com\/buscador_20179478954\/corteconstitucionalcronologico202454587\/t-487-03\/\" class=\"_self\" target=\"_self\" >T-487-03<\/a><\/h4>\n<div class=\"pt-cv-content\">\u00a0 \u00a0 Sentencia T-487\/03 \u00a0 REGISTRADURIA NACIONAL DEL ESTADO CIVIL-Competencia para dise\u00f1o y elaboraci\u00f3n de tarjetas electorales \u00a0 Es la Registradur\u00eda Nacional del Estado Civil a trav\u00e9s de su dependencia en el nivel central, la Registradur\u00eda Delegada en lo Electoral, la competente para dise\u00f1ar y determinar la forma como deben ser impresas las tarjetas electorales y adoptar las medidas pertinentes para garantizar la participaci\u00f3n ciudadana de conformidad con las disposiciones constitucionales y legales. Como la Registradur\u00eda goza de autonom\u00eda administrativa y presupuestal, puede suscribir contratos para la elaboraci\u00f3n de tarjetas electorales en sistema braille. Por lo tanto, le asiste raz\u00f3n ...<br \/><div class=\"pt-cv-rmwrap\"><a href=\"https:\/\/www.dmsjuridica.com\/buscador_20179478954\/corteconstitucionalcronologico202454587\/t-487-03\/\" class=\"_self pt-cv-readmore btn btn-success\" target=\"_self\">Ver Sentencia Completa...<\/a><\/div><\/div><\/div><\/div>\n<div class=\"col-md-12 col-sm-12 col-xs-12 pt-cv-content-item pt-cv-1-col\" ><div class='pt-cv-ifield'><a href=\"https:\/\/www.dmsjuridica.com\/buscador_20179478954\/corteconstitucionalcronologico202454587\/t-486-03\/\" class=\"_self pt-cv-href-thumbnail pt-cv-thumb-default\" target=\"_self\" ><\/a>\n<div class=\"pt-cv-taxoterm above_title\"><a href='https:\/\/www.dmsjuridica.com\/buscador_20179478954\/corteconstitucionalcronologico202454587\/category\/buscar-en-toda-la-corte\/2003\/tutelas-2003\/' title='Tutelas 2003' class='pt-cv-tax-tutelas-2003'>Tutelas 2003<\/a><\/div>\n<h4 class=\"pt-cv-title\"><a href=\"https:\/\/www.dmsjuridica.com\/buscador_20179478954\/corteconstitucionalcronologico202454587\/t-486-03\/\" class=\"_self\" target=\"_self\" >T-486-03<\/a><\/h4>\n<div class=\"pt-cv-content\">\u00a0 \u00a0 Sentencia T-486\/03 \u00a0 INTEGRACION LEGITIMA DEL CONTRADICTORIO EN TUTELA-Demanda no se dirigi\u00f3 contra todas las autoridades \u00a0 DERECHO A LA IGUALDAD REAL Y EFECTIVA-Alcance \u00a0 MUJER EMBARAZADA-Protecci\u00f3n constitucional especial \u00a0 MUJER TRABAJADORA EMBARAZADA-Estabilidad laboral \u00a0 LICENCIA DE MATERNIDAD-Procedencia excepcional de tutela para el pago \u00a0 LICENCIA DE MATERNIDAD-Pago por tutela cuando afecta el m\u00ednimo vital de la madre y su hijo \u00a0 HABEAS DATA-Contenido y alcance\/DERECHO A LA INFORMACION-L\u00edmites \u00a0 HABEAS DATA-Estipulaci\u00f3n de principios\/ADMINISTRACION DE DATOS PERSONALES-Principios \u00a0 DERECHO A LA INFORMACION EN EL SISTEMA DE SALUD-Manejo de datos \u00a0 Para el caso concreto del sistema de salud, ...<br \/><div class=\"pt-cv-rmwrap\"><a href=\"https:\/\/www.dmsjuridica.com\/buscador_20179478954\/corteconstitucionalcronologico202454587\/t-486-03\/\" class=\"_self pt-cv-readmore btn btn-success\" target=\"_self\">Ver Sentencia Completa...<\/a><\/div><\/div><\/div><\/div>\n<div class=\"col-md-12 col-sm-12 col-xs-12 pt-cv-content-item pt-cv-1-col\" ><div class='pt-cv-ifield'><a href=\"https:\/\/www.dmsjuridica.com\/buscador_20179478954\/corteconstitucionalcronologico202454587\/t-473-03\/\" class=\"_self pt-cv-href-thumbnail pt-cv-thumb-default\" target=\"_self\" ><\/a>\n<div class=\"pt-cv-taxoterm above_title\"><a href='https:\/\/www.dmsjuridica.com\/buscador_20179478954\/corteconstitucionalcronologico202454587\/category\/buscar-en-toda-la-corte\/2003\/tutelas-2003\/' title='Tutelas 2003' class='pt-cv-tax-tutelas-2003'>Tutelas 2003<\/a><\/div>\n<h4 class=\"pt-cv-title\"><a href=\"https:\/\/www.dmsjuridica.com\/buscador_20179478954\/corteconstitucionalcronologico202454587\/t-473-03\/\" class=\"_self\" target=\"_self\" >T-473-03<\/a><\/h4>\n<div class=\"pt-cv-content\">\u00a0 \u00a0 Sentencia T-473\/03 \u00a0 DERECHO DE PARTICIPACION CIUDADANA-Fundamental \u00a0 DERECHOS POLITICOS-Alcance \u00a0 DERECHO AL VOTO-Principal mecanismo de participaci\u00f3n ciudadana \u00a0 DERECHO AL LIBRE DESARROLLO DE LA PERSONALIDAD-Alcance \u00a0 DERECHO AL LIBRE DESARROLLO DE LA PERSONALIDAD-Reconocimiento de autonom\u00eda e individualizaci\u00f3n \u00a0 El reconocimiento que el Estado debe hacer de la facultad natural de toda persona de ser como quiere ser de acuerdo con sus querencias, es decir, al reconocimiento de su individualidad y de su autonom\u00eda sin restricciones indebidas, hace parte de la esencia del derecho al libre desarrollo de la personalidad. El libre desarrollo de la personalidad implica la ...<br \/><div class=\"pt-cv-rmwrap\"><a href=\"https:\/\/www.dmsjuridica.com\/buscador_20179478954\/corteconstitucionalcronologico202454587\/t-473-03\/\" class=\"_self pt-cv-readmore btn btn-success\" target=\"_self\">Ver Sentencia Completa...<\/a><\/div><\/div><\/div><\/div>\n<div class=\"col-md-12 col-sm-12 col-xs-12 pt-cv-content-item pt-cv-1-col\" ><div class='pt-cv-ifield'><a href=\"https:\/\/www.dmsjuridica.com\/buscador_20179478954\/corteconstitucionalcronologico202454587\/t-472-03\/\" class=\"_self pt-cv-href-thumbnail pt-cv-thumb-default\" target=\"_self\" ><\/a>\n<div class=\"pt-cv-taxoterm above_title\"><a href='https:\/\/www.dmsjuridica.com\/buscador_20179478954\/corteconstitucionalcronologico202454587\/category\/buscar-en-toda-la-corte\/2003\/tutelas-2003\/' title='Tutelas 2003' class='pt-cv-tax-tutelas-2003'>Tutelas 2003<\/a><\/div>\n<h4 class=\"pt-cv-title\"><a href=\"https:\/\/www.dmsjuridica.com\/buscador_20179478954\/corteconstitucionalcronologico202454587\/t-472-03\/\" class=\"_self\" target=\"_self\" >T-472-03<\/a><\/h4>\n<div class=\"pt-cv-content\">\u00a0 \u00a0 Sentencia T-472\/03 \u00a0 SISBEN-Deber de atender participantes vinculados al sistema de salud \u00a0 REGIMEN DE SEGURIDAD SOCIAL EN SALUD-Persona vinculada \u00a0 SISBEN-Participantes vinculados \u00a0 SISBEN-Pr\u00e1ctica de laparoscopia de persona vinculada \u00a0 SISBEN-Regulaci\u00f3n ineficiente para detectar a personas pobres \u00a0 Reiteraci\u00f3n de Jurisprudencia \u00a0 Referencia: expediente T-702036 \u00a0 Acci\u00f3n de tutela instaurada por Mar\u00eda Nohelia Correa G\u00f3mez contra la Direcci\u00f3n Seccional de Salud de Antioquia. \u00a0 Magistrado Ponente: \u00a0 Dr. JAIME ARA\u00daJO RENTERIA \u00a0 Bogot\u00e1, D.C., nueve (9) de junio de dos mil tres (2003). \u00a0 La Sala Primera de Revisi\u00f3n de la Corte Constitucional, en ejercicio de sus ...<br \/><div class=\"pt-cv-rmwrap\"><a href=\"https:\/\/www.dmsjuridica.com\/buscador_20179478954\/corteconstitucionalcronologico202454587\/t-472-03\/\" class=\"_self pt-cv-readmore btn btn-success\" target=\"_self\">Ver Sentencia Completa...<\/a><\/div><\/div><\/div><\/div>\n<div class=\"col-md-12 col-sm-12 col-xs-12 pt-cv-content-item pt-cv-1-col\" ><div class='pt-cv-ifield'><a href=\"https:\/\/www.dmsjuridica.com\/buscador_20179478954\/corteconstitucionalcronologico202454587\/t-471-03\/\" class=\"_self pt-cv-href-thumbnail pt-cv-thumb-default\" target=\"_self\" ><\/a>\n<div class=\"pt-cv-taxoterm above_title\"><a href='https:\/\/www.dmsjuridica.com\/buscador_20179478954\/corteconstitucionalcronologico202454587\/category\/buscar-en-toda-la-corte\/2003\/tutelas-2003\/' title='Tutelas 2003' class='pt-cv-tax-tutelas-2003'>Tutelas 2003<\/a><\/div>\n<h4 class=\"pt-cv-title\"><a href=\"https:\/\/www.dmsjuridica.com\/buscador_20179478954\/corteconstitucionalcronologico202454587\/t-471-03\/\" class=\"_self\" target=\"_self\" >T-471-03<\/a><\/h4>\n<div class=\"pt-cv-content\">\u00a0 \u00a0 Sentencia T-471\/03 \u00a0 DERECHO DE DEFENSA-Garant\u00eda constitucional del debido proceso \u00a0 DERECHO DE DEFENSA-Falta de recursos econ\u00f3micos no impide que el Estado nombre defensor \u00a0 AUTODEFENSA Y DEFENSA TECNICA-Modalidades complementarias \u00a0 DERECHO DE DEFENSA-Solicitud defensor calificado \u00a0 DEFENSOR DEL PUEBLO-Funciones \u00a0 DEFENSA TECNICA-Garant\u00eda del debido proceso constitucional \u00a0 DEFENSOR DEL PUEBLO-Designaci\u00f3n de defensores p\u00fablicos \u00a0 DEFENSORIA PUBLICA-Ejercicio \u00a0 Referencia: expedientes T-702670 y acumulados \u00a0 Acciones de tutela instauradas separadamente, por Fernando Rodr\u00edguez Arias y otros contra la Defensor\u00eda del Pueblo Regional Tolima. \u00a0 Magistrado Ponente: \u00a0 Dr. ALVARO TAFUR GALVIS. \u00a0 Bogot\u00e1, D.C., cinco (5) de junio de ...<br \/><div class=\"pt-cv-rmwrap\"><a href=\"https:\/\/www.dmsjuridica.com\/buscador_20179478954\/corteconstitucionalcronologico202454587\/t-471-03\/\" class=\"_self pt-cv-readmore btn btn-success\" target=\"_self\">Ver Sentencia Completa...<\/a><\/div><\/div><\/div><\/div>\n<div class=\"col-md-12 col-sm-12 col-xs-12 pt-cv-content-item pt-cv-1-col\" ><div class='pt-cv-ifield'><a href=\"https:\/\/www.dmsjuridica.com\/buscador_20179478954\/corteconstitucionalcronologico202454587\/t-470-03\/\" class=\"_self pt-cv-href-thumbnail pt-cv-thumb-default\" target=\"_self\" ><\/a>\n<div class=\"pt-cv-taxoterm above_title\"><a href='https:\/\/www.dmsjuridica.com\/buscador_20179478954\/corteconstitucionalcronologico202454587\/category\/buscar-en-toda-la-corte\/2003\/tutelas-2003\/' title='Tutelas 2003' class='pt-cv-tax-tutelas-2003'>Tutelas 2003<\/a><\/div>\n<h4 class=\"pt-cv-title\"><a href=\"https:\/\/www.dmsjuridica.com\/buscador_20179478954\/corteconstitucionalcronologico202454587\/t-470-03\/\" class=\"_self\" target=\"_self\" >T-470-03<\/a><\/h4>\n<div class=\"pt-cv-content\">\u00a0 \u00a0 Sentencia T-470\/03 \u00a0 ACCION DE TUTELA-Procedencia excepcional pago de acreencias laborales \u00a0 DERECHO AL MINIMO VITAL DEL TRABAJADOR-Presunci\u00f3n de afectaci\u00f3n por ausencia prolongada en pago de salarios \u00a0 ACCION DE TUTELA-Hecho superado por pago de acreencias laborales \u00a0 Reiteraci\u00f3n de jurisprudencia \u00a0 Referencia: expedientes acumulados T-700481, T-701351 y T-701360 \u00a0 Acciones de tutela instauradas por Mar\u00eda \u00c1ngela Rodr\u00edguez, Orfidia In\u00e9s Heredia y Mar\u00eda Dilia Lenis de Reina contra Hospital San Antonio de Arbel\u00e1ez. \u00a0 Magistrado Ponente: \u00a0 Dr. ALVARO TAFUR GALVIS \u00a0 Bogot\u00e1 D.C., cinco (5) de junio de dos mil tres (2003). \u00a0 La Sala Octava de ...<br \/><div class=\"pt-cv-rmwrap\"><a href=\"https:\/\/www.dmsjuridica.com\/buscador_20179478954\/corteconstitucionalcronologico202454587\/t-470-03\/\" class=\"_self pt-cv-readmore btn btn-success\" target=\"_self\">Ver Sentencia Completa...<\/a><\/div><\/div><\/div><\/div>\n<div class=\"col-md-12 col-sm-12 col-xs-12 pt-cv-content-item pt-cv-1-col\" ><div class='pt-cv-ifield'><a href=\"https:\/\/www.dmsjuridica.com\/buscador_20179478954\/corteconstitucionalcronologico202454587\/t-469-03\/\" class=\"_self pt-cv-href-thumbnail pt-cv-thumb-default\" target=\"_self\" ><\/a>\n<div class=\"pt-cv-taxoterm above_title\"><a href='https:\/\/www.dmsjuridica.com\/buscador_20179478954\/corteconstitucionalcronologico202454587\/category\/buscar-en-toda-la-corte\/2003\/tutelas-2003\/' title='Tutelas 2003' class='pt-cv-tax-tutelas-2003'>Tutelas 2003<\/a><\/div>\n<h4 class=\"pt-cv-title\"><a href=\"https:\/\/www.dmsjuridica.com\/buscador_20179478954\/corteconstitucionalcronologico202454587\/t-469-03\/\" class=\"_self\" target=\"_self\" >T-469-03<\/a><\/h4>\n<div class=\"pt-cv-content\">\u00a0 \u00a0 Sentencia T-469\/03 \u00a0 ACCION DE TUTELA-Subsidiariedad \u00a0 MEDIO DE DEFENSA JUDICIAL EFICAZ-Improcedencia de tutela \u00a0 PENSION DE INVALIDEZ-Improcedencia de reconocimiento por tutela \u00a0 Reiteraci\u00f3n de Jurisprudencia \u00a0 Referencia: expediente T-700144 \u00a0 Acci\u00f3n de tutela instaurada por Hercilia Contreras Quintero contra el Hospital Centro Oriente . \u00a0 Magistrado Ponente: \u00a0 Dr. ALVARO TAFUR GALVIS \u00a0 Bogot\u00e1, D.C., cinco (5) de junio dos mil tres (2003). \u00a0 La Sala Octava de Revisi\u00f3n de la Corte Constitucional, en ejercicio de sus competencias constitucionales y legales, en particular las contenidas en los art\u00edculos 86 y 241, numeral 9, de la Constituci\u00f3n y ...<br \/><div class=\"pt-cv-rmwrap\"><a href=\"https:\/\/www.dmsjuridica.com\/buscador_20179478954\/corteconstitucionalcronologico202454587\/t-469-03\/\" class=\"_self pt-cv-readmore btn btn-success\" target=\"_self\">Ver Sentencia Completa...<\/a><\/div><\/div><\/div><\/div>\n<div class=\"col-md-12 col-sm-12 col-xs-12 pt-cv-content-item pt-cv-1-col\" ><div class='pt-cv-ifield'><a href=\"https:\/\/www.dmsjuridica.com\/buscador_20179478954\/corteconstitucionalcronologico202454587\/t-468-03\/\" class=\"_self pt-cv-href-thumbnail pt-cv-thumb-default\" target=\"_self\" ><\/a>\n<div class=\"pt-cv-taxoterm above_title\"><a href='https:\/\/www.dmsjuridica.com\/buscador_20179478954\/corteconstitucionalcronologico202454587\/category\/buscar-en-toda-la-corte\/2003\/tutelas-2003\/' title='Tutelas 2003' class='pt-cv-tax-tutelas-2003'>Tutelas 2003<\/a><\/div>\n<h4 class=\"pt-cv-title\"><a href=\"https:\/\/www.dmsjuridica.com\/buscador_20179478954\/corteconstitucionalcronologico202454587\/t-468-03\/\" class=\"_self\" target=\"_self\" >T-468-03<\/a><\/h4>\n<div class=\"pt-cv-content\">\u00a0 \u00a0 Sentencia T-468\/03 \u00a0 PERSONA JURIDICA-Titularidad de derechos fundamentales \u00a0 LEGITIMACION POR ACTIVA EN TUTELA-Cooperativa a trav\u00e9s de apoderado judicial \u00a0 ACCION DE TUTELA CONTRA PARTICULARES-Prestaci\u00f3n de servicio p\u00fablico requiere que se produzca con ocasi\u00f3n del mismo \u00a0 LEGITIMACION POR PASIVA EN TUTELA-Entidades bancarias que prestan servicio p\u00fablico \u00a0 GOBIERNO EXTRANJERO-Inclusi\u00f3n en lista Clinton de cooperativa distribuidora de drogas \u00a0 DERECHO DE ACCESO AL SISTEMA FINANCIERO-Inclusi\u00f3n en lista Clinton de cooperativa distribuidora de drogas \u00a0 CORTE CONSTITUCIONAL-Incompetencia para ejercer control sobre orden ejecutiva del Presidente de Estados Unidos \u00a0 ACTO SOBERANO DE GOBIERNO EXTRANJERO-Inclusi\u00f3n en lista Clinton \u00a0 ACTO ...<br \/><div class=\"pt-cv-rmwrap\"><a href=\"https:\/\/www.dmsjuridica.com\/buscador_20179478954\/corteconstitucionalcronologico202454587\/t-468-03\/\" class=\"_self pt-cv-readmore btn btn-success\" target=\"_self\">Ver Sentencia Completa...<\/a><\/div><\/div><\/div><\/div>\n<div class=\"col-md-12 col-sm-12 col-xs-12 pt-cv-content-item pt-cv-1-col\" ><div class='pt-cv-ifield'><a href=\"https:\/\/www.dmsjuridica.com\/buscador_20179478954\/corteconstitucionalcronologico202454587\/t-467-03\/\" class=\"_self pt-cv-href-thumbnail pt-cv-thumb-default\" target=\"_self\" ><\/a>\n<div class=\"pt-cv-taxoterm above_title\"><a href='https:\/\/www.dmsjuridica.com\/buscador_20179478954\/corteconstitucionalcronologico202454587\/category\/buscar-en-toda-la-corte\/2003\/tutelas-2003\/' title='Tutelas 2003' class='pt-cv-tax-tutelas-2003'>Tutelas 2003<\/a><\/div>\n<h4 class=\"pt-cv-title\"><a href=\"https:\/\/www.dmsjuridica.com\/buscador_20179478954\/corteconstitucionalcronologico202454587\/t-467-03\/\" class=\"_self\" target=\"_self\" >T-467-03<\/a><\/h4>\n<div class=\"pt-cv-content\">\u00a0 \u00a0 Sentencia T-467\/03 \u00a0 DERECHO A LA SEGURIDAD SOCIAL-Mora en aportes por empleador \u00a0 TRABAJADOR INDEPENDIENTE-Aportes en salud \u00a0 TRABAJADOR INDEPENDIENTE-Mora en aportes en salud \u00a0 TRABAJADOR INDEPENDIENTE-No suministro de medicamentos por mora en aportes a salud\/TRABAJADOR INDEPENDIENTE-Afiliaci\u00f3n al r\u00e9gimen subsidiado por falta de recursos econ\u00f3micos \u00a0 Referencia: expediente T-730543 \u00a0 Acci\u00f3n de tutela de Jacqueline Dom\u00ednguez Rey contra Seguro Social. \u00a0 Procedencia: Tribunal Superior de Bucaramanga, Sala Penal .\u00a0 \u00a0 Magistrado Ponente:\u00a0 \u00a0 Dr. ALFREDO BELTR\u00c1N SIERRA. \u00a0 Bogot\u00e1, D.C., cinco (5) de junio de dos mil tres (2003). \u00a0 La Sala Segunda (2a.) de Revisi\u00f3n de la ...<br \/><div class=\"pt-cv-rmwrap\"><a href=\"https:\/\/www.dmsjuridica.com\/buscador_20179478954\/corteconstitucionalcronologico202454587\/t-467-03\/\" class=\"_self pt-cv-readmore btn btn-success\" target=\"_self\">Ver Sentencia Completa...<\/a><\/div><\/div><\/div><\/div>\n<div class=\"col-md-12 col-sm-12 col-xs-12 pt-cv-content-item pt-cv-1-col\" ><div class='pt-cv-ifield'><a href=\"https:\/\/www.dmsjuridica.com\/buscador_20179478954\/corteconstitucionalcronologico202454587\/t-466-03\/\" class=\"_self pt-cv-href-thumbnail pt-cv-thumb-default\" target=\"_self\" ><\/a>\n<div class=\"pt-cv-taxoterm above_title\"><a href='https:\/\/www.dmsjuridica.com\/buscador_20179478954\/corteconstitucionalcronologico202454587\/category\/buscar-en-toda-la-corte\/2003\/tutelas-2003\/' title='Tutelas 2003' class='pt-cv-tax-tutelas-2003'>Tutelas 2003<\/a><\/div>\n<h4 class=\"pt-cv-title\"><a href=\"https:\/\/www.dmsjuridica.com\/buscador_20179478954\/corteconstitucionalcronologico202454587\/t-466-03\/\" class=\"_self\" target=\"_self\" >T-466-03<\/a><\/h4>\n<div class=\"pt-cv-content\">\u00a0 \u00a0 \u00a0 \u00a0 Sentencia T-466\/03 \u00a0 ACCION POPULAR-Concepto \u00a0 ACCION POPULAR-Alcance \u00a0 ACCION POPULAR-Car\u00e1cter p\u00fablico \u00a0 ACCION POPULAR-Naturaleza preventiva \u00a0 ACCION POPULAR-Protecci\u00f3n de derechos e intereses colectivos \u00a0 DERECHOS COLECTIVOS-Protecci\u00f3n por encontrarse cuerpo extra\u00f1o en gaseosa \u00a0 DA\u00d1O CONTINGENTE-Prevenci\u00f3n por acci\u00f3n popular \u00a0 ACCION POPULAR-Prevenci\u00f3n riesgos de los consumidores \u00a0 DERECHOS DEL CONSUMIDOR-Car\u00e1cter\u00a0 \u00a0 DERECHOS DEL CONSUMIDOR Y ACCION POPULAR-Protecci\u00f3n \u00a0 VIA DE HECHO-An\u00e1lisis y valoraci\u00f3n de pruebas por jueces \u00a0 ACCION POPULAR-Est\u00edmulo econ\u00f3mico no equivale a resarcimiento de perjuicios \u00a0 Dada la naturaleza jur\u00eddica de las acciones colectivas y la finalidad constitucional que con ella se persigue, instituye ...<br \/><div class=\"pt-cv-rmwrap\"><a href=\"https:\/\/www.dmsjuridica.com\/buscador_20179478954\/corteconstitucionalcronologico202454587\/t-466-03\/\" class=\"_self pt-cv-readmore btn btn-success\" target=\"_self\">Ver Sentencia Completa...<\/a><\/div><\/div><\/div><\/div>\n<div class=\"col-md-12 col-sm-12 col-xs-12 pt-cv-content-item pt-cv-1-col\" ><div class='pt-cv-ifield'><a href=\"https:\/\/www.dmsjuridica.com\/buscador_20179478954\/corteconstitucionalcronologico202454587\/t-465-03\/\" class=\"_self pt-cv-href-thumbnail pt-cv-thumb-default\" target=\"_self\" ><\/a>\n<div class=\"pt-cv-taxoterm above_title\"><a href='https:\/\/www.dmsjuridica.com\/buscador_20179478954\/corteconstitucionalcronologico202454587\/category\/buscar-en-toda-la-corte\/2003\/tutelas-2003\/' title='Tutelas 2003' class='pt-cv-tax-tutelas-2003'>Tutelas 2003<\/a><\/div>\n<h4 class=\"pt-cv-title\"><a href=\"https:\/\/www.dmsjuridica.com\/buscador_20179478954\/corteconstitucionalcronologico202454587\/t-465-03\/\" class=\"_self\" target=\"_self\" >T-465-03<\/a><\/h4>\n<div class=\"pt-cv-content\">\u00a0 \u00a0 Sentencia T-465\/03 \u00a0 FUERZAS ARMADAS-Escuelas de formaci\u00f3n\/FUERZAS ARMADAS-Reglamentos de las escuelas de formaci\u00f3n \u00a0 Las escuelas de formaci\u00f3n de las Fuerzas Armadas son entes estatales orientadas \"a la preparaci\u00f3n integral de los futuros oficiales, para el cabal cumplimiento de la misi\u00f3n institucional, cual es la defensa de la soberan\u00eda, el mantenimiento de la seguridad interna y externa \u00a0y el apoyo al desarrollo de pa\u00eds. Dentro de dicha misi\u00f3n se destaca igualmente la integralidad de la formaci\u00f3n del oficial en sus aspectos humano, \u00e9tico, cient\u00edfico, f\u00edsico, militar, y cultural con un profundo respeto por la persona y los valores ...<br \/><div class=\"pt-cv-rmwrap\"><a href=\"https:\/\/www.dmsjuridica.com\/buscador_20179478954\/corteconstitucionalcronologico202454587\/t-465-03\/\" class=\"_self pt-cv-readmore btn btn-success\" target=\"_self\">Ver Sentencia Completa...<\/a><\/div><\/div><\/div><\/div>\n<div class=\"col-md-12 col-sm-12 col-xs-12 pt-cv-content-item pt-cv-1-col\" ><div class='pt-cv-ifield'><a href=\"https:\/\/www.dmsjuridica.com\/buscador_20179478954\/corteconstitucionalcronologico202454587\/t-463-03\/\" class=\"_self pt-cv-href-thumbnail pt-cv-thumb-default\" target=\"_self\" ><\/a>\n<div class=\"pt-cv-taxoterm above_title\"><a href='https:\/\/www.dmsjuridica.com\/buscador_20179478954\/corteconstitucionalcronologico202454587\/category\/buscar-en-toda-la-corte\/2003\/tutelas-2003\/' title='Tutelas 2003' class='pt-cv-tax-tutelas-2003'>Tutelas 2003<\/a><\/div>\n<h4 class=\"pt-cv-title\"><a href=\"https:\/\/www.dmsjuridica.com\/buscador_20179478954\/corteconstitucionalcronologico202454587\/t-463-03\/\" class=\"_self\" target=\"_self\" >T-463-03<\/a><\/h4>\n<div class=\"pt-cv-content\">\u00a0 \u00a0 Sentencia T-463\/03 \u00a0 MEDIO DE DEFENSA JUDICIAL EFICAZ-Alcance \u00a0 DERECHOS FUNDAMENTALES DEL ADULTO MAYOR-Protecci\u00f3n constitucional especial\/PERSONA DE LA TERCERA EDAD-Lineamientos b\u00e1sicos para determinar definici\u00f3n\/ADULTO MAYOR-Edad m\u00ednima para definici\u00f3n \u00a0 ACCION DE TUTELA-Demostraci\u00f3n de afectaci\u00f3n del m\u00ednimo vital de persona de la tercera edad \u00a0 \u00bfQu\u00e9 sucede cuando una persona que tiene una edad avanzada pero no ha cumplido 71 a\u00f1os, estimados como l\u00edmite m\u00ednimo de la ancianidad, reclama la protecci\u00f3n de derechos fundamentales cuyo objeto est\u00e1 constituido por pretensiones no requeridas previamente ante la administraci\u00f3n? En primer lugar, para que el no pago de las mesadas pensionales - ...<br \/><div class=\"pt-cv-rmwrap\"><a href=\"https:\/\/www.dmsjuridica.com\/buscador_20179478954\/corteconstitucionalcronologico202454587\/t-463-03\/\" class=\"_self pt-cv-readmore btn btn-success\" target=\"_self\">Ver Sentencia Completa...<\/a><\/div><\/div><\/div><\/div>\n<div class=\"col-md-12 col-sm-12 col-xs-12 pt-cv-content-item pt-cv-1-col\" ><div class='pt-cv-ifield'><a href=\"https:\/\/www.dmsjuridica.com\/buscador_20179478954\/corteconstitucionalcronologico202454587\/t-462-03\/\" class=\"_self pt-cv-href-thumbnail pt-cv-thumb-default\" target=\"_self\" ><\/a>\n<div class=\"pt-cv-taxoterm above_title\"><a href='https:\/\/www.dmsjuridica.com\/buscador_20179478954\/corteconstitucionalcronologico202454587\/category\/buscar-en-toda-la-corte\/2003\/tutelas-2003\/' title='Tutelas 2003' class='pt-cv-tax-tutelas-2003'>Tutelas 2003<\/a><\/div>\n<h4 class=\"pt-cv-title\"><a href=\"https:\/\/www.dmsjuridica.com\/buscador_20179478954\/corteconstitucionalcronologico202454587\/t-462-03\/\" class=\"_self\" target=\"_self\" >T-462-03<\/a><\/h4>\n<div class=\"pt-cv-content\">\u00a0 \u00a0 Sentencia T-462\/03 \u00a0 ACCION DE TUTELA CONTRA PROVIDENCIAS JUDICIALES-Situaciones de procedencia \u00a0 A partir de la propia jurisprudencia de la Corte Constitucional que pueden identificarse diversas situaciones gen\u00e9ricas de violaci\u00f3n de la Constituci\u00f3n por la v\u00eda de la vulneraci\u00f3n de los derechos fundamentales con ocasi\u00f3n de actuaciones de las autoridades judiciales. Estas circunstancias disfuncionales son las que permiten hablar de la procedencia de la acci\u00f3n de tutela contra providencias judiciales (autos y sentencias) como conductas de las autoridades p\u00fablicas. En primer lugar, se encuentran los casos en los cuales la violaci\u00f3n de la Constituci\u00f3n y la afectaci\u00f3n de ...<br \/><div class=\"pt-cv-rmwrap\"><a href=\"https:\/\/www.dmsjuridica.com\/buscador_20179478954\/corteconstitucionalcronologico202454587\/t-462-03\/\" class=\"_self pt-cv-readmore btn btn-success\" target=\"_self\">Ver Sentencia Completa...<\/a><\/div><\/div><\/div><\/div>\n<div class=\"col-md-12 col-sm-12 col-xs-12 pt-cv-content-item pt-cv-1-col\" ><div class='pt-cv-ifield'><a href=\"https:\/\/www.dmsjuridica.com\/buscador_20179478954\/corteconstitucionalcronologico202454587\/t-461-03\/\" class=\"_self pt-cv-href-thumbnail pt-cv-thumb-default\" target=\"_self\" ><\/a>\n<div class=\"pt-cv-taxoterm above_title\"><a href='https:\/\/www.dmsjuridica.com\/buscador_20179478954\/corteconstitucionalcronologico202454587\/category\/buscar-en-toda-la-corte\/2003\/tutelas-2003\/' title='Tutelas 2003' class='pt-cv-tax-tutelas-2003'>Tutelas 2003<\/a><\/div>\n<h4 class=\"pt-cv-title\"><a href=\"https:\/\/www.dmsjuridica.com\/buscador_20179478954\/corteconstitucionalcronologico202454587\/t-461-03\/\" class=\"_self\" target=\"_self\" >T-461-03<\/a><\/h4>\n<div class=\"pt-cv-content\">\u00a0 \u00a0 Sentencia T-461\/03 \u00a0 AUTORIDAD JUDICIAL-Distinci\u00f3n entre arbitrariedad y capricho \u00a0 La Corte ha separado el concepto de arbitrariedad y capricho al mero acto volitivo individual del juez o tribunal. Tales fen\u00f3menos, adem\u00e1s de recoger la concepci\u00f3n ordinaria \u2013es decir, separaci\u00f3n absoluta del r\u00e9gimen jur\u00eddico o, de otra manera, imposici\u00f3n de la mera voluntad- ha indicado que se presenta capricho cuando se desconocen los precedentes y arbitrariedad cuando existe exceso en el ejercicio de la discrecionalidad interpretativa. \u00a0 CONTROL DE CONSTITUCIONALIDAD Y CONTROL DE LEAGLIDAD-Naturaleza diversa \u00a0 Se encuentra la distinta naturaleza del control constitucional y de legalidad. En ...<br \/><div class=\"pt-cv-rmwrap\"><a href=\"https:\/\/www.dmsjuridica.com\/buscador_20179478954\/corteconstitucionalcronologico202454587\/t-461-03\/\" class=\"_self pt-cv-readmore btn btn-success\" target=\"_self\">Ver Sentencia Completa...<\/a><\/div><\/div><\/div><\/div>\n<div class=\"col-md-12 col-sm-12 col-xs-12 pt-cv-content-item pt-cv-1-col\" ><div class='pt-cv-ifield'><a href=\"https:\/\/www.dmsjuridica.com\/buscador_20179478954\/corteconstitucionalcronologico202454587\/t-460-03\/\" class=\"_self pt-cv-href-thumbnail pt-cv-thumb-default\" target=\"_self\" ><\/a>\n<div class=\"pt-cv-taxoterm above_title\"><a href='https:\/\/www.dmsjuridica.com\/buscador_20179478954\/corteconstitucionalcronologico202454587\/category\/buscar-en-toda-la-corte\/2003\/tutelas-2003\/' title='Tutelas 2003' class='pt-cv-tax-tutelas-2003'>Tutelas 2003<\/a><\/div>\n<h4 class=\"pt-cv-title\"><a href=\"https:\/\/www.dmsjuridica.com\/buscador_20179478954\/corteconstitucionalcronologico202454587\/t-460-03\/\" class=\"_self\" target=\"_self\" >T-460-03<\/a><\/h4>\n<div class=\"pt-cv-content\">\u00a0 \u00a0 Sentencia T-460\/03 \u00a0 DERECHOS DE LA MUJER EMBARAZADA-Protecci\u00f3n constitucional especial \u00a0 El art\u00edculo 43 de la Carta Pol\u00edtica, tras consagrar la igualdad de derechos y oportunidades entre el hombre y la mujer, dispone que \u201cDurante el embarazo y despu\u00e9s del parto -la mujer- gozar\u00e1 de especial asistencia y protecci\u00f3n del Estado\u201d. Esa disposici\u00f3n superior materializa la pretensi\u00f3n del constituyente de configurar un \u00e1mbito normativo que, desde la Constituci\u00f3n, valore el papel fundamental que la mujer juega en el contexto del Estado social de derecho y que, a m\u00e1s de reconocer sus derechos fundamentales, suministre espacios espec\u00edficos de protecci\u00f3n ...<br \/><div class=\"pt-cv-rmwrap\"><a href=\"https:\/\/www.dmsjuridica.com\/buscador_20179478954\/corteconstitucionalcronologico202454587\/t-460-03\/\" class=\"_self pt-cv-readmore btn btn-success\" target=\"_self\">Ver Sentencia Completa...<\/a><\/div><\/div><\/div><\/div>\n<div class=\"col-md-12 col-sm-12 col-xs-12 pt-cv-content-item pt-cv-1-col\" ><div class='pt-cv-ifield'><a href=\"https:\/\/www.dmsjuridica.com\/buscador_20179478954\/corteconstitucionalcronologico202454587\/t-459-03\/\" class=\"_self pt-cv-href-thumbnail pt-cv-thumb-default\" target=\"_self\" ><\/a>\n<div class=\"pt-cv-taxoterm above_title\"><a href='https:\/\/www.dmsjuridica.com\/buscador_20179478954\/corteconstitucionalcronologico202454587\/category\/buscar-en-toda-la-corte\/2003\/tutelas-2003\/' title='Tutelas 2003' class='pt-cv-tax-tutelas-2003'>Tutelas 2003<\/a><\/div>\n<h4 class=\"pt-cv-title\"><a href=\"https:\/\/www.dmsjuridica.com\/buscador_20179478954\/corteconstitucionalcronologico202454587\/t-459-03\/\" class=\"_self\" target=\"_self\" >T-459-03<\/a><\/h4>\n<div class=\"pt-cv-content\">\u00a0 \u00a0 Sentencia T-459\/03 \u00a0 ACCION DE TUTELA CONTRA PROVIDENCIAS JUDICIALES-Improcedencia general \u00a0 ACCION DE TUTELA CONTRA PROVIDENCIAS JUDICIALES-Procedencia excepcional por v\u00eda de hecho judicial \u00a0 VIA DE HECHO-Concepto \u00a0 VIA DE HECHO-Clases de defectos en la actuaci\u00f3n \u00a0 ACCION DE TUTELA CONTRA DECISION DE INCIDENTE DE DESACATO \u00a0 ACCION DE TUTELA-Objeto \u00a0 FALLO DE TUTELA-Contenido \u00a0 SENTENCIA DE TUTELA-Cumplimiento inmediato \u00a0 NOTIFICACION DE PROVIDENCIAS EN TUTELA-Deberes del juez y las partes \u00a0 JUEZ DE TUTELA-Facultad para hacer cumplir sus fallos \u00a0 La protecci\u00f3n que se otorga a trav\u00e9s del fallo que se dicta con ocasi\u00f3n de una acci\u00f3n de ...<br \/><div class=\"pt-cv-rmwrap\"><a href=\"https:\/\/www.dmsjuridica.com\/buscador_20179478954\/corteconstitucionalcronologico202454587\/t-459-03\/\" class=\"_self pt-cv-readmore btn btn-success\" target=\"_self\">Ver Sentencia Completa...<\/a><\/div><\/div><\/div><\/div>\n<div class=\"col-md-12 col-sm-12 col-xs-12 pt-cv-content-item pt-cv-1-col\" ><div class='pt-cv-ifield'><a href=\"https:\/\/www.dmsjuridica.com\/buscador_20179478954\/corteconstitucionalcronologico202454587\/t-458-03\/\" class=\"_self pt-cv-href-thumbnail pt-cv-thumb-default\" target=\"_self\" ><\/a>\n<div class=\"pt-cv-taxoterm above_title\"><a href='https:\/\/www.dmsjuridica.com\/buscador_20179478954\/corteconstitucionalcronologico202454587\/category\/buscar-en-toda-la-corte\/2003\/tutelas-2003\/' title='Tutelas 2003' class='pt-cv-tax-tutelas-2003'>Tutelas 2003<\/a><\/div>\n<h4 class=\"pt-cv-title\"><a href=\"https:\/\/www.dmsjuridica.com\/buscador_20179478954\/corteconstitucionalcronologico202454587\/t-458-03\/\" class=\"_self\" target=\"_self\" >T-458-03<\/a><\/h4>\n<div class=\"pt-cv-content\">\u00a0 \u00a0 \u00a0\u00a0 Sentencia T-458\/03 \u00a0 ACCION DE TUTELA-Improcedencia para ordenar reconocimiento de pensiones \u00a0 MEDIO DE DEFENSA JUDICIAL-Reconocimiento de pensiones \u00a0 CUMPLIMIENTO FALLO DE TUTELA-Corresponde al juez de primera instancia \u00a0 La autoridad que brind\u00f3 la protecci\u00f3n tiene competencia para la efectividad del amparo al derecho conculcado. Como principio general, \u00a0es el Juez de primera instancia el encargado de hacer \u00a0cumplir la orden impartida, as\u00ed provenga de fallo de segunda instancia o de revisi\u00f3n, ya que mantiene la competencia hasta tanto no se cumpla la orden a cabalidad.\u00a0 \u00a0 AUTORIDAD JUDICIAL-Debe asegurar el efectivo cumplimiento de las \u00f3rdenes que ...<br \/><div class=\"pt-cv-rmwrap\"><a href=\"https:\/\/www.dmsjuridica.com\/buscador_20179478954\/corteconstitucionalcronologico202454587\/t-458-03\/\" class=\"_self pt-cv-readmore btn btn-success\" target=\"_self\">Ver Sentencia Completa...<\/a><\/div><\/div><\/div><\/div>\n<div class=\"col-md-12 col-sm-12 col-xs-12 pt-cv-content-item pt-cv-1-col\" ><div class='pt-cv-ifield'><a href=\"https:\/\/www.dmsjuridica.com\/buscador_20179478954\/corteconstitucionalcronologico202454587\/t-457-03\/\" class=\"_self pt-cv-href-thumbnail pt-cv-thumb-default\" target=\"_self\" ><\/a>\n<div class=\"pt-cv-taxoterm above_title\"><a href='https:\/\/www.dmsjuridica.com\/buscador_20179478954\/corteconstitucionalcronologico202454587\/category\/buscar-en-toda-la-corte\/2003\/tutelas-2003\/' title='Tutelas 2003' class='pt-cv-tax-tutelas-2003'>Tutelas 2003<\/a><\/div>\n<h4 class=\"pt-cv-title\"><a href=\"https:\/\/www.dmsjuridica.com\/buscador_20179478954\/corteconstitucionalcronologico202454587\/t-457-03\/\" class=\"_self\" target=\"_self\" >T-457-03<\/a><\/h4>\n<div class=\"pt-cv-content\">\u00a0 \u00a0 Sentencia T-457\/03 \u00a0 DERECHO AL LIBRE DESARROLLO DE LA PERSONALIDAD-L\u00edmites \u00a0 DERECHO A ESCOGER Y EJERCER LIBREMENTE PROFESION U OFICIO-L\u00edmites\/DERECHO A ESCOGER Y EJERCER LIBREMENTE PROFESION U OFICIO-No es absoluto \u00a0 La libertad de escoger profesi\u00f3n u oficio se ve garantizada en la medida en que no se puede prohibir que una persona ejerza una actividad laboral l\u00edcita, y el individuo no puede ser obligado a permanecer en el ejercicio de un trabajo que no desea. No obstante, \u00e9ste, como todos los derechos, no es absoluto. La decisi\u00f3n individual puede tener l\u00edmites por la trascendencia colectiva o general ...<br \/><div class=\"pt-cv-rmwrap\"><a href=\"https:\/\/www.dmsjuridica.com\/buscador_20179478954\/corteconstitucionalcronologico202454587\/t-457-03\/\" class=\"_self pt-cv-readmore btn btn-success\" target=\"_self\">Ver Sentencia Completa...<\/a><\/div><\/div><\/div><\/div>\n<div class=\"col-md-12 col-sm-12 col-xs-12 pt-cv-content-item pt-cv-1-col\" ><div class='pt-cv-ifield'><a href=\"https:\/\/www.dmsjuridica.com\/buscador_20179478954\/corteconstitucionalcronologico202454587\/t-456-03\/\" class=\"_self pt-cv-href-thumbnail pt-cv-thumb-default\" target=\"_self\" ><\/a>\n<div class=\"pt-cv-taxoterm above_title\"><a href='https:\/\/www.dmsjuridica.com\/buscador_20179478954\/corteconstitucionalcronologico202454587\/category\/buscar-en-toda-la-corte\/2003\/tutelas-2003\/' title='Tutelas 2003' class='pt-cv-tax-tutelas-2003'>Tutelas 2003<\/a><\/div>\n<h4 class=\"pt-cv-title\"><a href=\"https:\/\/www.dmsjuridica.com\/buscador_20179478954\/corteconstitucionalcronologico202454587\/t-456-03\/\" class=\"_self\" target=\"_self\" >T-456-03<\/a><\/h4>\n<div class=\"pt-cv-content\">ACCION DE TUTELA-T\u00e9rmino razonable de presentaci\u00f3n \u00a0 ACCION DE TUTELA-Inmediatez \u00a0 EDUCACION-Derecho deber \u00a0 La Corte ha sostenido que la educaci\u00f3n se debe entender como un derecho deber. En esa medida, el estudiante s\u00f3lo puede exigir el respeto de sus derechos en la medida en que haya cumplido a cabalidad con las obligaciones fijadas por el establecimiento educativo en el cual cursa sus estudios. Al respetar el t\u00e9rmino se\u00f1alado en el reglamento acad\u00e9mico, la ESAP est\u00e1 actuando leg\u00edtimamente dentro del \u00e1mbito de la autonom\u00eda universitaria. Por su parte, los estudiantes est\u00e1n exigiendo la protecci\u00f3n del derecho a la educaci\u00f3n haciendo ...<br \/><div class=\"pt-cv-rmwrap\"><a href=\"https:\/\/www.dmsjuridica.com\/buscador_20179478954\/corteconstitucionalcronologico202454587\/t-456-03\/\" class=\"_self pt-cv-readmore btn btn-success\" target=\"_self\">Ver Sentencia Completa...<\/a><\/div><\/div><\/div><\/div>\n<div class=\"col-md-12 col-sm-12 col-xs-12 pt-cv-content-item pt-cv-1-col\" ><div class='pt-cv-ifield'><a href=\"https:\/\/www.dmsjuridica.com\/buscador_20179478954\/corteconstitucionalcronologico202454587\/t-455-03\/\" class=\"_self pt-cv-href-thumbnail pt-cv-thumb-default\" target=\"_self\" ><\/a>\n<div class=\"pt-cv-taxoterm above_title\"><a href='https:\/\/www.dmsjuridica.com\/buscador_20179478954\/corteconstitucionalcronologico202454587\/category\/buscar-en-toda-la-corte\/2003\/tutelas-2003\/' title='Tutelas 2003' class='pt-cv-tax-tutelas-2003'>Tutelas 2003<\/a><\/div>\n<h4 class=\"pt-cv-title\"><a href=\"https:\/\/www.dmsjuridica.com\/buscador_20179478954\/corteconstitucionalcronologico202454587\/t-455-03\/\" class=\"_self\" target=\"_self\" >T-455-03<\/a><\/h4>\n<div class=\"pt-cv-content\">\u00a0 \u00a0 Sentencia T-455\/03 \u00a0 ACCION DE TUTELA-Inmediatez \u00a0 DERECHO A LA SALUD-Fundamental por conexidad con la vida \u00a0 El derecho a la salud se convierte en un derecho fundamental por conexidad cuando la ausencia de un tratamiento m\u00e9dico o de la realizaci\u00f3n de una prueba diagn\u00f3stica ponen en peligro la vida de la persona en condiciones dignas. De all\u00ed que haya aceptado en amplia jurisprudencia, que a\u00fan existiendo una norma legal que impida la prestaci\u00f3n del servicio de salud, es procedente su autorizaci\u00f3n por parte del juez de tutela cuando de un determinado tratamiento m\u00e9dico dependen la vida digna ...<br \/><div class=\"pt-cv-rmwrap\"><a href=\"https:\/\/www.dmsjuridica.com\/buscador_20179478954\/corteconstitucionalcronologico202454587\/t-455-03\/\" class=\"_self pt-cv-readmore btn btn-success\" target=\"_self\">Ver Sentencia Completa...<\/a><\/div><\/div><\/div><\/div>\n<div class=\"col-md-12 col-sm-12 col-xs-12 pt-cv-content-item pt-cv-1-col\" ><div class='pt-cv-ifield'><a href=\"https:\/\/www.dmsjuridica.com\/buscador_20179478954\/corteconstitucionalcronologico202454587\/t-454-03\/\" class=\"_self pt-cv-href-thumbnail pt-cv-thumb-default\" target=\"_self\" ><\/a>\n<div class=\"pt-cv-taxoterm above_title\"><a href='https:\/\/www.dmsjuridica.com\/buscador_20179478954\/corteconstitucionalcronologico202454587\/category\/buscar-en-toda-la-corte\/2003\/tutelas-2003\/' title='Tutelas 2003' class='pt-cv-tax-tutelas-2003'>Tutelas 2003<\/a><\/div>\n<h4 class=\"pt-cv-title\"><a href=\"https:\/\/www.dmsjuridica.com\/buscador_20179478954\/corteconstitucionalcronologico202454587\/t-454-03\/\" class=\"_self\" target=\"_self\" >T-454-03<\/a><\/h4>\n<div class=\"pt-cv-content\">\u00a0 \u00a0 Sentencia T-454\/03 \u00a0 ACCION DE TUTELA-Procedencia excepcional pago acreencias laborales\/EMPLEADOR-Situaci\u00f3n econ\u00f3mica o presupuestal no es \u00f3bice para desconocer pago de mesadas pensionales \u00a0 DERECHO A LA PENSION DE JUBILACION-Aplicaci\u00f3n inmediata \u00a0 DERECHO AL MINIMO VITAL DEL PENSIONADO-Pago oportuno de mesadas pensionales \u00a0 DERECHO A LA SUBSISTENCIA DEL PENSIONADO-Pago oportuno de mesadas \u00a0 PROCESO DE REESTRUCTURACION DE ENTIDADES-Pago preferente de acreencias laborales\/ENTIDADES TERRITORIALES-Acuerdos de reestructuraci\u00f3n \u00a0 \u00a0 Reiteraci\u00f3n de Jurisprudencia \u00a0 Referencia: expediente T-698339 \u00a0 Acci\u00f3n de tutela instaurada por Jos\u00e9 Florencio Hern\u00e1ndez P\u00e9rez contra Municipio de Monter\u00eda. \u00a0 Magistrado Ponente: \u00a0 Dr. JAIME ARA\u00daJO RENTER\u00cdA \u00a0 Bogot\u00e1, D.C., ...<br \/><div class=\"pt-cv-rmwrap\"><a href=\"https:\/\/www.dmsjuridica.com\/buscador_20179478954\/corteconstitucionalcronologico202454587\/t-454-03\/\" class=\"_self pt-cv-readmore btn btn-success\" target=\"_self\">Ver Sentencia Completa...<\/a><\/div><\/div><\/div><\/div>\n<div class=\"col-md-12 col-sm-12 col-xs-12 pt-cv-content-item pt-cv-1-col\" ><div class='pt-cv-ifield'><a href=\"https:\/\/www.dmsjuridica.com\/buscador_20179478954\/corteconstitucionalcronologico202454587\/t-453-03\/\" class=\"_self pt-cv-href-thumbnail pt-cv-thumb-default\" target=\"_self\" ><\/a>\n<div class=\"pt-cv-taxoterm above_title\"><a href='https:\/\/www.dmsjuridica.com\/buscador_20179478954\/corteconstitucionalcronologico202454587\/category\/buscar-en-toda-la-corte\/2003\/tutelas-2003\/' title='Tutelas 2003' class='pt-cv-tax-tutelas-2003'>Tutelas 2003<\/a><\/div>\n<h4 class=\"pt-cv-title\"><a href=\"https:\/\/www.dmsjuridica.com\/buscador_20179478954\/corteconstitucionalcronologico202454587\/t-453-03\/\" class=\"_self\" target=\"_self\" >T-453-03<\/a><\/h4>\n<div class=\"pt-cv-content\">\u00a0 \u00a0 Sentencia T-453\/03 \u00a0 PLAN OBLIGATORIO DE SALUD-Reglamentaci\u00f3n no puede desconocer derechos fundamentales \u00a0 La reglamentaci\u00f3n que ha recibido el Plan Obligatorio de Salud no puede desconocer los derechos constitucionales fundamentales de las personas, lo cual ocurre cuando las empresas promotoras de salud, aplicando de manera estricta dicha reglamentaci\u00f3n, omiten el suministro de medicamentos necesarios para mantener la vida, la integridad personal o un mejor funcionamiento del organismo, con el argumento de que no se encuentran incluidos en el Plan Obligatorio de Salud. \u00a0 INAPLICACION DE NORMAS DEL PLAN OBLIGATORIO DE SALUD-Casos en que procede por exclusi\u00f3n de medicamentos\u00a0 ...<br \/><div class=\"pt-cv-rmwrap\"><a href=\"https:\/\/www.dmsjuridica.com\/buscador_20179478954\/corteconstitucionalcronologico202454587\/t-453-03\/\" class=\"_self pt-cv-readmore btn btn-success\" target=\"_self\">Ver Sentencia Completa...<\/a><\/div><\/div><\/div><\/div>\n<div class=\"col-md-12 col-sm-12 col-xs-12 pt-cv-content-item pt-cv-1-col\" ><div class='pt-cv-ifield'><a href=\"https:\/\/www.dmsjuridica.com\/buscador_20179478954\/corteconstitucionalcronologico202454587\/t-448-03\/\" class=\"_self pt-cv-href-thumbnail pt-cv-thumb-default\" target=\"_self\" ><\/a>\n<div class=\"pt-cv-taxoterm above_title\"><a href='https:\/\/www.dmsjuridica.com\/buscador_20179478954\/corteconstitucionalcronologico202454587\/category\/buscar-en-toda-la-corte\/2003\/tutelas-2003\/' title='Tutelas 2003' class='pt-cv-tax-tutelas-2003'>Tutelas 2003<\/a><\/div>\n<h4 class=\"pt-cv-title\"><a href=\"https:\/\/www.dmsjuridica.com\/buscador_20179478954\/corteconstitucionalcronologico202454587\/t-448-03\/\" class=\"_self\" target=\"_self\" >T-448-03<\/a><\/h4>\n<div class=\"pt-cv-content\">\u00a0 \u00a0 Sentencia T-448\/03 \u00a0 DERECHO A LA SALUD DE PERSONA DE LA TERCERA EDAD-Tratamiento de quimioterapia sin cumplir periodo m\u00ednimo de cotizaci\u00f3n \u00a0 Reiteraci\u00f3n de Jurisprudencia \u00a0 Referencia: expediente T-698975 \u00a0 Acci\u00f3n de tutela instaurada por Ofelia Rueda de Rend\u00f3n contra Colseguros E.P.S.. \u00a0 Magistrado Ponente: \u00a0 Dr. RODRIGO ESCOBAR GIL \u00a0 Bogot\u00e1, D.C., treinta (30) de mayo de dos mil tres (2003). \u00a0 La Sala Quinta de Revisi\u00f3n de la Corte Constitucional, en ejercicio de sus competencias constitucionales y legales, en particular las contenidas en los art\u00edculos 86 y 241, numeral 9, de la Constituci\u00f3n y el Decreto ...<br \/><div class=\"pt-cv-rmwrap\"><a href=\"https:\/\/www.dmsjuridica.com\/buscador_20179478954\/corteconstitucionalcronologico202454587\/t-448-03\/\" class=\"_self pt-cv-readmore btn btn-success\" target=\"_self\">Ver Sentencia Completa...<\/a><\/div><\/div><\/div><\/div>\n<div class=\"col-md-12 col-sm-12 col-xs-12 pt-cv-content-item pt-cv-1-col\" ><div class='pt-cv-ifield'><a href=\"https:\/\/www.dmsjuridica.com\/buscador_20179478954\/corteconstitucionalcronologico202454587\/t-447-03\/\" class=\"_self pt-cv-href-thumbnail pt-cv-thumb-default\" target=\"_self\" ><\/a>\n<div class=\"pt-cv-taxoterm above_title\"><a href='https:\/\/www.dmsjuridica.com\/buscador_20179478954\/corteconstitucionalcronologico202454587\/category\/buscar-en-toda-la-corte\/2003\/tutelas-2003\/' title='Tutelas 2003' class='pt-cv-tax-tutelas-2003'>Tutelas 2003<\/a><\/div>\n<h4 class=\"pt-cv-title\"><a href=\"https:\/\/www.dmsjuridica.com\/buscador_20179478954\/corteconstitucionalcronologico202454587\/t-447-03\/\" class=\"_self\" target=\"_self\" >T-447-03<\/a><\/h4>\n<div class=\"pt-cv-content\">\u00a0 \u00a0 Sentencia T-447\/03 \u00a0 DERECHO DE PETICION ANTE EMPRESA DE SERVICIOS PUBLICOS DOMICILIARIOS-Alcance \u00a0 SILENCIO ADMINISTRATIVO POSITIVO-Aplicaci\u00f3n en r\u00e9gimen de servicios p\u00fablicos \u00a0 Si bien en el C\u00f3digo Contencioso Administrativo (Art.42) la figura del silencio administrativo positivo requiere como regla general su protocolizaci\u00f3n, con el fin de que surta todos sus efectos, para el R\u00e9gimen de los Servicios P\u00fablicos, la procedencia y aplicaci\u00f3n del silencio administrativo positivo se rige por una regulaci\u00f3n especial. Por tanto, dentro del r\u00e9gimen de los servicios p\u00fablicos, la ocurrencia del silencio administrativo positivo trae como consecuencia el que la propia entidad, dentro de las ...<br \/><div class=\"pt-cv-rmwrap\"><a href=\"https:\/\/www.dmsjuridica.com\/buscador_20179478954\/corteconstitucionalcronologico202454587\/t-447-03\/\" class=\"_self pt-cv-readmore btn btn-success\" target=\"_self\">Ver Sentencia Completa...<\/a><\/div><\/div><\/div><\/div>\n<div class=\"col-md-12 col-sm-12 col-xs-12 pt-cv-content-item pt-cv-1-col\" ><div class='pt-cv-ifield'><a href=\"https:\/\/www.dmsjuridica.com\/buscador_20179478954\/corteconstitucionalcronologico202454587\/t-446-03\/\" class=\"_self pt-cv-href-thumbnail pt-cv-thumb-default\" target=\"_self\" ><\/a>\n<div class=\"pt-cv-taxoterm above_title\"><a href='https:\/\/www.dmsjuridica.com\/buscador_20179478954\/corteconstitucionalcronologico202454587\/category\/buscar-en-toda-la-corte\/2003\/tutelas-2003\/' title='Tutelas 2003' class='pt-cv-tax-tutelas-2003'>Tutelas 2003<\/a><\/div>\n<h4 class=\"pt-cv-title\"><a href=\"https:\/\/www.dmsjuridica.com\/buscador_20179478954\/corteconstitucionalcronologico202454587\/t-446-03\/\" class=\"_self\" target=\"_self\" >T-446-03<\/a><\/h4>\n<div class=\"pt-cv-content\">\u00a0 \u00a0 Sentencia T-446\/03 \u00a0 DERECHO A LA SALUD-Suministro de tratamiento m\u00e9dico \u00a0 DERECHO A LA SALUD-Prueba de la incapacidad econ\u00f3mica \u00a0 Reiteraci\u00f3n de Jurisprudencia \u00a0 Acci\u00f3n de tutela instaurada por Mar\u00eda Rubiela Pel\u00e1ez Calle contra el INSTITUTO DE SEGUROS SOCIALES, E.P.S. \u00a0 Magistrado Ponente: \u00a0Dra. CLARA IN\u00c9S VARGAS HERN\u00c1NDEZ \u00a0 Bogot\u00e1, D.C., veintinueve (29) de mayo de dos mil tres (2003). \u00a0 La Sala Novena de Revisi\u00f3n de Tutelas de la Corte Constitucional, conformada por los Magistrados CLARA IN\u00c9S VARGAS HERN\u00c1NDEZ, JAIME ARA\u00daJO RENTER\u00cdA y ALFREDO BELTR\u00c1N SIERRA, en ejercicio de su competencias constitucionales y legales, espec\u00edficamente las previstas ...<br \/><div class=\"pt-cv-rmwrap\"><a href=\"https:\/\/www.dmsjuridica.com\/buscador_20179478954\/corteconstitucionalcronologico202454587\/t-446-03\/\" class=\"_self pt-cv-readmore btn btn-success\" target=\"_self\">Ver Sentencia Completa...<\/a><\/div><\/div><\/div><\/div>\n<div class=\"col-md-12 col-sm-12 col-xs-12 pt-cv-content-item pt-cv-1-col\" ><div class='pt-cv-ifield'><a href=\"https:\/\/www.dmsjuridica.com\/buscador_20179478954\/corteconstitucionalcronologico202454587\/t-445-03\/\" class=\"_self pt-cv-href-thumbnail pt-cv-thumb-default\" target=\"_self\" ><\/a>\n<div class=\"pt-cv-taxoterm above_title\"><a href='https:\/\/www.dmsjuridica.com\/buscador_20179478954\/corteconstitucionalcronologico202454587\/category\/buscar-en-toda-la-corte\/2003\/tutelas-2003\/' title='Tutelas 2003' class='pt-cv-tax-tutelas-2003'>Tutelas 2003<\/a><\/div>\n<h4 class=\"pt-cv-title\"><a href=\"https:\/\/www.dmsjuridica.com\/buscador_20179478954\/corteconstitucionalcronologico202454587\/t-445-03\/\" class=\"_self\" target=\"_self\" >T-445-03<\/a><\/h4>\n<div class=\"pt-cv-content\">\u00a0 \u00a0 Sentencia T-445\/03 \u00a0 ACCION DE TUTELA-Improcedencia pago de sumas de dinero por concepto de honorarios \u00a0 ACCION DE TUTELA-Improcedencia pago de honorarios a concejales \u00a0 DERECHO AL MINIMO VITAL DE CONCEJAL-No vulneraci\u00f3n por no pago de honorarios \u00a0 La Constituci\u00f3n y la ley no proh\u00edben a los Concejales el trabajo de manera independiente o en el sector privado. Es decir, no puede considerarse que con el no pago de honorarios se afecte el m\u00ednimo vital de los demandantes, pues bien pueden procurarse otros medios de subsistencia al no existir inhabilidad o exclusividad en el ejercicio de sus funciones ...<br \/><div class=\"pt-cv-rmwrap\"><a href=\"https:\/\/www.dmsjuridica.com\/buscador_20179478954\/corteconstitucionalcronologico202454587\/t-445-03\/\" class=\"_self pt-cv-readmore btn btn-success\" target=\"_self\">Ver Sentencia Completa...<\/a><\/div><\/div><\/div><\/div>\n<div class=\"col-md-12 col-sm-12 col-xs-12 pt-cv-content-item pt-cv-1-col\" ><div class='pt-cv-ifield'><a href=\"https:\/\/www.dmsjuridica.com\/buscador_20179478954\/corteconstitucionalcronologico202454587\/t-444-03\/\" class=\"_self pt-cv-href-thumbnail pt-cv-thumb-default\" target=\"_self\" ><\/a>\n<div class=\"pt-cv-taxoterm above_title\"><a href='https:\/\/www.dmsjuridica.com\/buscador_20179478954\/corteconstitucionalcronologico202454587\/category\/buscar-en-toda-la-corte\/2003\/tutelas-2003\/' title='Tutelas 2003' class='pt-cv-tax-tutelas-2003'>Tutelas 2003<\/a><\/div>\n<h4 class=\"pt-cv-title\"><a href=\"https:\/\/www.dmsjuridica.com\/buscador_20179478954\/corteconstitucionalcronologico202454587\/t-444-03\/\" class=\"_self\" target=\"_self\" >T-444-03<\/a><\/h4>\n<div class=\"pt-cv-content\">\u00a0 \u00a0 Sentencia T-444\/03 \u00a0 DERECHO A LA SALUD DEL NI\u00d1O-Suministro de silla de ruedas \u00a0 Cuando se trata de menores discapacitados cuyas familias se encuentran en imposibilidad econ\u00f3mica de cubrir el costo de la silla de ruedas, se hace imperativo inaplicar la norma del P.O.S. y en su lugar aplicar los art\u00edculos 13 y 44 de la Carta Pol\u00edtica. Ahora bien, la sentencia de instancia niega la tutela por cuanto no existe orden del m\u00e9dico tratante para el suministro de la silla de ruedas. Entiende la Corte que ciertamente este es un requisito que se echa de menos en ...<br \/><div class=\"pt-cv-rmwrap\"><a href=\"https:\/\/www.dmsjuridica.com\/buscador_20179478954\/corteconstitucionalcronologico202454587\/t-444-03\/\" class=\"_self pt-cv-readmore btn btn-success\" target=\"_self\">Ver Sentencia Completa...<\/a><\/div><\/div><\/div><\/div>\n<div class=\"col-md-12 col-sm-12 col-xs-12 pt-cv-content-item pt-cv-1-col\" ><div class='pt-cv-ifield'><a href=\"https:\/\/www.dmsjuridica.com\/buscador_20179478954\/corteconstitucionalcronologico202454587\/t-443-03\/\" class=\"_self pt-cv-href-thumbnail pt-cv-thumb-default\" target=\"_self\" ><\/a>\n<div class=\"pt-cv-taxoterm above_title\"><a href='https:\/\/www.dmsjuridica.com\/buscador_20179478954\/corteconstitucionalcronologico202454587\/category\/buscar-en-toda-la-corte\/2003\/tutelas-2003\/' title='Tutelas 2003' class='pt-cv-tax-tutelas-2003'>Tutelas 2003<\/a><\/div>\n<h4 class=\"pt-cv-title\"><a href=\"https:\/\/www.dmsjuridica.com\/buscador_20179478954\/corteconstitucionalcronologico202454587\/t-443-03\/\" class=\"_self\" target=\"_self\" >T-443-03<\/a><\/h4>\n<div class=\"pt-cv-content\">\u00a0 \u00a0 Sentencia T-443\/03 \u00a0 DERECHO A LA SALUD-Suministro de aud\u00edfonos \u00a0 Reiteraci\u00f3n de jurisprudencia \u00a0 Referencia: expediente T-696924 \u00a0 Acci\u00f3n de tutela instaurada por Juli\u00e1n Murillo Hern\u00e1ndez contra CAFESALUD E.P.S.. \u00a0 Magistrado Ponente: \u00a0 Dr. EDUARDO MONTEALEGRE LYNETT\u00a0 \u00a0 Bogot\u00e1, D.C., veintinueve (29) de mayo dos mil tres (2003). \u00a0 La Sala S\u00e9ptima de Revisi\u00f3n de la Corte Constitucional, en ejercicio de sus competencias constitucionales y legales, en particular las contenidas en los art\u00edculos 86 y 241, numeral 9 de la Constituci\u00f3n y en el Decreto 2591 de 1991, ha proferido la siguiente \u00a0 SENTENCIA \u00a0 dentro del proceso ...<br \/><div class=\"pt-cv-rmwrap\"><a href=\"https:\/\/www.dmsjuridica.com\/buscador_20179478954\/corteconstitucionalcronologico202454587\/t-443-03\/\" class=\"_self pt-cv-readmore btn btn-success\" target=\"_self\">Ver Sentencia Completa...<\/a><\/div><\/div><\/div><\/div>\n<div class=\"col-md-12 col-sm-12 col-xs-12 pt-cv-content-item pt-cv-1-col\" ><div class='pt-cv-ifield'><a href=\"https:\/\/www.dmsjuridica.com\/buscador_20179478954\/corteconstitucionalcronologico202454587\/t-442-03\/\" class=\"_self pt-cv-href-thumbnail pt-cv-thumb-default\" target=\"_self\" ><\/a>\n<div class=\"pt-cv-taxoterm above_title\"><a href='https:\/\/www.dmsjuridica.com\/buscador_20179478954\/corteconstitucionalcronologico202454587\/category\/buscar-en-toda-la-corte\/2003\/tutelas-2003\/' title='Tutelas 2003' class='pt-cv-tax-tutelas-2003'>Tutelas 2003<\/a><\/div>\n<h4 class=\"pt-cv-title\"><a href=\"https:\/\/www.dmsjuridica.com\/buscador_20179478954\/corteconstitucionalcronologico202454587\/t-442-03\/\" class=\"_self\" target=\"_self\" >T-442-03<\/a><\/h4>\n<div class=\"pt-cv-content\">\u00a0 \u00a0 Sentencia T-442\/03 \u00a0 De acuerdo con la jurisprudencia de esta Corporaci\u00f3n, iniciada en sentencia T-059 de 1997, el allanamiento a la mora se presenta cuando, trat\u00e1ndose de contratos bilaterales, ante el incumplimiento de una de las partes, la otra se abstiene de suspender la ejecuci\u00f3n del contrato (exceptio non adimpleti contractus) y, en su lugar prosigue ejecutando el contrato, no puede, luego, alegar la mora. En los casos analizados por la Corte Constitucional y en los cuales ha aplicado el principio de continuidad y la figura del allanamiento a la mora, la ratio decidendi ha estado directamente vinculada ...<br \/><div class=\"pt-cv-rmwrap\"><a href=\"https:\/\/www.dmsjuridica.com\/buscador_20179478954\/corteconstitucionalcronologico202454587\/t-442-03\/\" class=\"_self pt-cv-readmore btn btn-success\" target=\"_self\">Ver Sentencia Completa...<\/a><\/div><\/div><\/div><\/div>\n<div class=\"col-md-12 col-sm-12 col-xs-12 pt-cv-content-item pt-cv-1-col\" ><div class='pt-cv-ifield'><a href=\"https:\/\/www.dmsjuridica.com\/buscador_20179478954\/corteconstitucionalcronologico202454587\/t-441-03\/\" class=\"_self pt-cv-href-thumbnail pt-cv-thumb-default\" target=\"_self\" ><\/a>\n<div class=\"pt-cv-taxoterm above_title\"><a href='https:\/\/www.dmsjuridica.com\/buscador_20179478954\/corteconstitucionalcronologico202454587\/category\/buscar-en-toda-la-corte\/2003\/tutelas-2003\/' title='Tutelas 2003' class='pt-cv-tax-tutelas-2003'>Tutelas 2003<\/a><\/div>\n<h4 class=\"pt-cv-title\"><a href=\"https:\/\/www.dmsjuridica.com\/buscador_20179478954\/corteconstitucionalcronologico202454587\/t-441-03\/\" class=\"_self\" target=\"_self\" >T-441-03<\/a><\/h4>\n<div class=\"pt-cv-content\">\u00a0 \u00a0 Nota de Relator\u00eda: En cumplimiento de lo dispuesto por el Magistrado ALBERTO ROJAS RIOS, en auto del 6 de septiembre de 2013, \u00a0en la presente decisi\u00f3n se procede a garantizar la reserva de nombres de las partes y en consecuencia, se reemplazan los mismos por las letras AA y BB, respectivamente. \u00a0 Sentencia T-441\/03 \u00a0 VIA DE HECHO-Evoluci\u00f3n jurisprudencial \u00a0 ACCION DE TUTELA CONTRA PROVIDENCIAS JUDICIALES-Situaciones de procedencia\/VIA DE HECHO-Clases de defectos en la actuaci\u00f3n \u00a0 RECURSO DE APELACION-Inadmisi\u00f3n no afecta derechos fundamentales de menores \u00a0 En el presente caso el acto que se demanda \u2013decisi\u00f3n de inadmitir ...<br \/><div class=\"pt-cv-rmwrap\"><a href=\"https:\/\/www.dmsjuridica.com\/buscador_20179478954\/corteconstitucionalcronologico202454587\/t-441-03\/\" class=\"_self pt-cv-readmore btn btn-success\" target=\"_self\">Ver Sentencia Completa...<\/a><\/div><\/div><\/div><\/div>\n<div class=\"col-md-12 col-sm-12 col-xs-12 pt-cv-content-item pt-cv-1-col\" ><div class='pt-cv-ifield'><a href=\"https:\/\/www.dmsjuridica.com\/buscador_20179478954\/corteconstitucionalcronologico202454587\/t-440-03\/\" class=\"_self pt-cv-href-thumbnail pt-cv-thumb-default\" target=\"_self\" ><\/a>\n<div class=\"pt-cv-taxoterm above_title\"><a href='https:\/\/www.dmsjuridica.com\/buscador_20179478954\/corteconstitucionalcronologico202454587\/category\/buscar-en-toda-la-corte\/2003\/tutelas-2003\/' title='Tutelas 2003' class='pt-cv-tax-tutelas-2003'>Tutelas 2003<\/a><\/div>\n<h4 class=\"pt-cv-title\"><a href=\"https:\/\/www.dmsjuridica.com\/buscador_20179478954\/corteconstitucionalcronologico202454587\/t-440-03\/\" class=\"_self\" target=\"_self\" >T-440-03<\/a><\/h4>\n<div class=\"pt-cv-content\">\u00a0 \u00a0 Sentencia T-440\/03 \u00a0 VIA DE HECHO EN ACCION DE GRUPO-En tr\u00e1mite procesal se decretaron pruebas que implicaron revelaci\u00f3n de datos de clientes bancarios \u00a0 RECURSO DE APELACION-Improcedencia contra auto que no deneg\u00f3 pruebas \u00a0 La Corte Constitucional estima que ninguno de los argumentos anteriores es de recibo. En primer lugar, la consideraci\u00f3n conforme a la cual el Banco Caja Social ha debido apelar el auto que decretaba la pr\u00e1ctica de pruebas supone que dicha providencia es apelable. Sin embargo, el numeral 3\u00ba del art\u00edculo 351 del C\u00f3digo de Procedimiento Civil establece como apelables exclusivamente los autos que deniegan ...<br \/><div class=\"pt-cv-rmwrap\"><a href=\"https:\/\/www.dmsjuridica.com\/buscador_20179478954\/corteconstitucionalcronologico202454587\/t-440-03\/\" class=\"_self pt-cv-readmore btn btn-success\" target=\"_self\">Ver Sentencia Completa...<\/a><\/div><\/div><\/div><\/div>\n<div class=\"col-md-12 col-sm-12 col-xs-12 pt-cv-content-item pt-cv-1-col\" ><div class='pt-cv-ifield'><a href=\"https:\/\/www.dmsjuridica.com\/buscador_20179478954\/corteconstitucionalcronologico202454587\/t-439-03\/\" class=\"_self pt-cv-href-thumbnail pt-cv-thumb-default\" target=\"_self\" ><\/a>\n<div class=\"pt-cv-taxoterm above_title\"><a href='https:\/\/www.dmsjuridica.com\/buscador_20179478954\/corteconstitucionalcronologico202454587\/category\/buscar-en-toda-la-corte\/2003\/tutelas-2003\/' title='Tutelas 2003' class='pt-cv-tax-tutelas-2003'>Tutelas 2003<\/a><\/div>\n<h4 class=\"pt-cv-title\"><a href=\"https:\/\/www.dmsjuridica.com\/buscador_20179478954\/corteconstitucionalcronologico202454587\/t-439-03\/\" class=\"_self\" target=\"_self\" >T-439-03<\/a><\/h4>\n<div class=\"pt-cv-content\">\u00a0 \u00a0 Sentencia T-439\/03 \u00a0 DERECHO A LA EDUCACION-Prohibici\u00f3n de retenci\u00f3n de notas o certificados por no pago de pensi\u00f3n \u00a0 ESTABLECIMIENTO EDUCATIVO-No puede entregar certificados de estudios con notas marginales de deudas pendientes \u00a0 Reiteraci\u00f3n de Jurisprudencia \u00a0 Referencia: expediente T-697140 \u00a0 Acci\u00f3n de tutela instaurada por Fabio Enrique Cano Obando contra el Colegio Lisa Meitner. \u00a0 Dr. MANUEL JOSE CEPEDA ESPINOSA \u00a0 Bogot\u00e1, D.C., veintinueve (29) de mayo de dos mil tres (2003). \u00a0 La Sala Tercera de Revisi\u00f3n de la Corte Constitucional, en ejercicio de sus competencias constitucionales y legales, en particular las contenidas en los art\u00edculos ...<br \/><div class=\"pt-cv-rmwrap\"><a href=\"https:\/\/www.dmsjuridica.com\/buscador_20179478954\/corteconstitucionalcronologico202454587\/t-439-03\/\" class=\"_self pt-cv-readmore btn btn-success\" target=\"_self\">Ver Sentencia Completa...<\/a><\/div><\/div><\/div><\/div>\n<div class=\"col-md-12 col-sm-12 col-xs-12 pt-cv-content-item pt-cv-1-col\" ><div class='pt-cv-ifield'><a href=\"https:\/\/www.dmsjuridica.com\/buscador_20179478954\/corteconstitucionalcronologico202454587\/t-438-03\/\" class=\"_self pt-cv-href-thumbnail pt-cv-thumb-default\" target=\"_self\" ><\/a>\n<div class=\"pt-cv-taxoterm above_title\"><a href='https:\/\/www.dmsjuridica.com\/buscador_20179478954\/corteconstitucionalcronologico202454587\/category\/buscar-en-toda-la-corte\/2003\/tutelas-2003\/' title='Tutelas 2003' class='pt-cv-tax-tutelas-2003'>Tutelas 2003<\/a><\/div>\n<h4 class=\"pt-cv-title\"><a href=\"https:\/\/www.dmsjuridica.com\/buscador_20179478954\/corteconstitucionalcronologico202454587\/t-438-03\/\" class=\"_self\" target=\"_self\" >T-438-03<\/a><\/h4>\n<div class=\"pt-cv-content\">\u00a0 \u00a0 Sentencia T-438\/03 \u00a0 ACCION DE TUTELA-Improcedencia para reconocimiento de derechos litigiosos\/ACCION DE TUTELA-Procedencia excepcional para liquidaci\u00f3n y remisi\u00f3n de bonos pensionales \u00a0 DERECHO AL MINIMO VITAL DEL PENSIONADO-No vulneraci\u00f3n por pago actual de su mesada \u00a0 En el caso presente al accionante le fue reconocida y est\u00e1 siendo pagada desde octubre de 2001 una pensi\u00f3n de jubilaci\u00f3n. La petici\u00f3n presentada a nombre del actor por Protecci\u00f3n est\u00e1 dirigida en realidad a obtener el pago de una deuda que si bien puede afectar el pago futuro de las mesadas pensionales del actor, en la actualidad no ha afectado ni ...<br \/><div class=\"pt-cv-rmwrap\"><a href=\"https:\/\/www.dmsjuridica.com\/buscador_20179478954\/corteconstitucionalcronologico202454587\/t-438-03\/\" class=\"_self pt-cv-readmore btn btn-success\" target=\"_self\">Ver Sentencia Completa...<\/a><\/div><\/div><\/div><\/div>\n<div class=\"col-md-12 col-sm-12 col-xs-12 pt-cv-content-item pt-cv-1-col\" ><div class='pt-cv-ifield'><a href=\"https:\/\/www.dmsjuridica.com\/buscador_20179478954\/corteconstitucionalcronologico202454587\/t-437-03\/\" class=\"_self pt-cv-href-thumbnail pt-cv-thumb-default\" target=\"_self\" ><\/a>\n<div class=\"pt-cv-taxoterm above_title\"><a href='https:\/\/www.dmsjuridica.com\/buscador_20179478954\/corteconstitucionalcronologico202454587\/category\/buscar-en-toda-la-corte\/2003\/tutelas-2003\/' title='Tutelas 2003' class='pt-cv-tax-tutelas-2003'>Tutelas 2003<\/a><\/div>\n<h4 class=\"pt-cv-title\"><a href=\"https:\/\/www.dmsjuridica.com\/buscador_20179478954\/corteconstitucionalcronologico202454587\/t-437-03\/\" class=\"_self\" target=\"_self\" >T-437-03<\/a><\/h4>\n<div class=\"pt-cv-content\">\u00a0 \u00a0 Sentencia T-437\/03 \u00a0 DERECHO A LA SALUD-Realizaci\u00f3n de examen m\u00e9dico \u00a0 ACCION DE TUTELA-Improcedencia por no adelantar ante la entidad de salud los tr\u00e1mites para realizaci\u00f3n de examen m\u00e9dico \u00a0 No le es posible al juez de tutela acceder a pretensiones que involucran violaci\u00f3n de derechos constitucionales que no pueden ser predicables de la \u00a0entidad accionada, porque ante ella no se ha hecho ninguna solicitud de suministro de medicamentos, tratamientos o diagn\u00f3sticos. A ello se suma \u00a0el hecho de que no es posible por los datos que soportan la tutela, inferir cu\u00e1l es el motivo por el cual ...<br \/><div class=\"pt-cv-rmwrap\"><a href=\"https:\/\/www.dmsjuridica.com\/buscador_20179478954\/corteconstitucionalcronologico202454587\/t-437-03\/\" class=\"_self pt-cv-readmore btn btn-success\" target=\"_self\">Ver Sentencia Completa...<\/a><\/div><\/div><\/div><\/div>\n<div class=\"col-md-12 col-sm-12 col-xs-12 pt-cv-content-item pt-cv-1-col\" ><div class='pt-cv-ifield'><a href=\"https:\/\/www.dmsjuridica.com\/buscador_20179478954\/corteconstitucionalcronologico202454587\/t-436-03\/\" class=\"_self pt-cv-href-thumbnail pt-cv-thumb-default\" target=\"_self\" ><\/a>\n<div class=\"pt-cv-taxoterm above_title\"><a href='https:\/\/www.dmsjuridica.com\/buscador_20179478954\/corteconstitucionalcronologico202454587\/category\/buscar-en-toda-la-corte\/2003\/tutelas-2003\/' title='Tutelas 2003' class='pt-cv-tax-tutelas-2003'>Tutelas 2003<\/a><\/div>\n<h4 class=\"pt-cv-title\"><a href=\"https:\/\/www.dmsjuridica.com\/buscador_20179478954\/corteconstitucionalcronologico202454587\/t-436-03\/\" class=\"_self\" target=\"_self\" >T-436-03<\/a><\/h4>\n<div class=\"pt-cv-content\">\u00a0 \u00a0 Sentencia T-436\/03 \u00a0 DERECHO A LA SALUD DEL ENFERMO DE SIDA INDIGENTE-Protecci\u00f3n \u00a0 Los indigentes o ciudadanos de la calle, que es la situaci\u00f3n de quien en esta ocasi\u00f3n demanda en tutela, constituyen un grupo de personas que carecen de capacidad econ\u00f3mica para sobrellevar una congrua subsistencia, y por razones de edad o salud les resulta imposible procurarse tales medios. La condici\u00f3n de indigencia atenta de forma directa contra los derechos fundamentales, colocando a la persona en una situaci\u00f3n de debilidad manifiesta, que se agrava no s\u00f3lo por su precaria situaci\u00f3n econ\u00f3mica, sino tambi\u00e9n cuando tal estado de ...<br \/><div class=\"pt-cv-rmwrap\"><a href=\"https:\/\/www.dmsjuridica.com\/buscador_20179478954\/corteconstitucionalcronologico202454587\/t-436-03\/\" class=\"_self pt-cv-readmore btn btn-success\" target=\"_self\">Ver Sentencia Completa...<\/a><\/div><\/div><\/div><\/div>\n<div class=\"col-md-12 col-sm-12 col-xs-12 pt-cv-content-item pt-cv-1-col\" ><div class='pt-cv-ifield'><a href=\"https:\/\/www.dmsjuridica.com\/buscador_20179478954\/corteconstitucionalcronologico202454587\/t-435-03\/\" class=\"_self pt-cv-href-thumbnail pt-cv-thumb-default\" target=\"_self\" ><\/a>\n<div class=\"pt-cv-taxoterm above_title\"><a href='https:\/\/www.dmsjuridica.com\/buscador_20179478954\/corteconstitucionalcronologico202454587\/category\/buscar-en-toda-la-corte\/2003\/tutelas-2003\/' title='Tutelas 2003' class='pt-cv-tax-tutelas-2003'>Tutelas 2003<\/a><\/div>\n<h4 class=\"pt-cv-title\"><a href=\"https:\/\/www.dmsjuridica.com\/buscador_20179478954\/corteconstitucionalcronologico202454587\/t-435-03\/\" class=\"_self\" target=\"_self\" >T-435-03<\/a><\/h4>\n<div class=\"pt-cv-content\">\u00a0 \u00a0 Sentencia T-435\/03 \u00a0 ACCION DE TUTELA-Procedencia excepcional pago de mesadas pensionales\/DERECHO AL MINIMO VITAL DEL PENSIONADO-Pago oportuno de mesadas \u00a0 MUNICIPIO-Pago oportuno de mesadas pensionales \u00a0 PROGRAMA DE REESTRUCTURACION DE PASIVOS-No justifica la dilaci\u00f3n en pago de mesadas pensionales \u00a0 Se desecha el argumento esgrimido por la Administraci\u00f3n Municipal de Monter\u00eda, sobre el programa de reestructuraci\u00f3n de pasivos aprobado por el Ministerio de Hacienda, \u00a0pues no es raz\u00f3n suficiente para justificar la dilaci\u00f3n en el \u00a0pago de las mesadas pensionales de los demandantes. Si bien \u00a0es cierto el objeto de la Ley 500 de 1999 es la reestructuraci\u00f3n ...<br \/><div class=\"pt-cv-rmwrap\"><a href=\"https:\/\/www.dmsjuridica.com\/buscador_20179478954\/corteconstitucionalcronologico202454587\/t-435-03\/\" class=\"_self pt-cv-readmore btn btn-success\" target=\"_self\">Ver Sentencia Completa...<\/a><\/div><\/div><\/div><\/div>\n<div class=\"col-md-12 col-sm-12 col-xs-12 pt-cv-content-item pt-cv-1-col\" ><div class='pt-cv-ifield'><a href=\"https:\/\/www.dmsjuridica.com\/buscador_20179478954\/corteconstitucionalcronologico202454587\/t-428-03\/\" class=\"_self pt-cv-href-thumbnail pt-cv-thumb-default\" target=\"_self\" ><\/a>\n<div class=\"pt-cv-taxoterm above_title\"><a href='https:\/\/www.dmsjuridica.com\/buscador_20179478954\/corteconstitucionalcronologico202454587\/category\/buscar-en-toda-la-corte\/2003\/tutelas-2003\/' title='Tutelas 2003' class='pt-cv-tax-tutelas-2003'>Tutelas 2003<\/a><\/div>\n<h4 class=\"pt-cv-title\"><a href=\"https:\/\/www.dmsjuridica.com\/buscador_20179478954\/corteconstitucionalcronologico202454587\/t-428-03\/\" class=\"_self\" target=\"_self\" >T-428-03<\/a><\/h4>\n<div class=\"pt-cv-content\">\u00a0 \u00a0 Sentencia T-428\/03 \u00a0 DERECHO A LA SALUD-Cambio de pr\u00f3tesis \u00a0 En atenci\u00f3n a la protecci\u00f3n constitucional a las personas con discapacidad, el socket para la pr\u00f3tesis del miembro inferior izquierdo del solicitante es necesario para volver a caminar en forma normal, resultando ser un elemento indispensable para asegurar la calidad de vida digna a que aspira el mismo, dada su espec\u00edfica condici\u00f3n de debilidad manifiesta, y teniendo presente que es una persona que no tiene capacidad econ\u00f3mica, que labora vendiendo chance en la calle - actividad que le demanda permanente desplazamiento- \u00a0y si el socket le queda grande, ...<br \/><div class=\"pt-cv-rmwrap\"><a href=\"https:\/\/www.dmsjuridica.com\/buscador_20179478954\/corteconstitucionalcronologico202454587\/t-428-03\/\" class=\"_self pt-cv-readmore btn btn-success\" target=\"_self\">Ver Sentencia Completa...<\/a><\/div><\/div><\/div><\/div>\n<div class=\"col-md-12 col-sm-12 col-xs-12 pt-cv-content-item pt-cv-1-col\" ><div class='pt-cv-ifield'><a href=\"https:\/\/www.dmsjuridica.com\/buscador_20179478954\/corteconstitucionalcronologico202454587\/t-427-03\/\" class=\"_self pt-cv-href-thumbnail pt-cv-thumb-default\" target=\"_self\" ><\/a>\n<div class=\"pt-cv-taxoterm above_title\"><a href='https:\/\/www.dmsjuridica.com\/buscador_20179478954\/corteconstitucionalcronologico202454587\/category\/buscar-en-toda-la-corte\/2003\/tutelas-2003\/' title='Tutelas 2003' class='pt-cv-tax-tutelas-2003'>Tutelas 2003<\/a><\/div>\n<h4 class=\"pt-cv-title\"><a href=\"https:\/\/www.dmsjuridica.com\/buscador_20179478954\/corteconstitucionalcronologico202454587\/t-427-03\/\" class=\"_self\" target=\"_self\" >T-427-03<\/a><\/h4>\n<div class=\"pt-cv-content\">\u00a0 \u00a0 Sentencia T-427\/03 \u00a0 REVOCACION DIRECTA DE ACTO ADMINISTRATIVO PARTICULAR Y CONCRETO-Consentimiento expreso y escrito del titular \u00a0 REVOCACION DIRECTA DE ACTO ADMINISTRATIVO PARTICULAR Y CONCRETO-Procedencia por actuaci\u00f3n ilegal sin que medie consentimiento del titular \u00a0 ESTADO CIVIL DE LAS PERSONAS-Se prueba con el registro civil \u00a0 DERECHOS FUNDAMENTALES DEL MENOR-Vulneraci\u00f3n por revocaci\u00f3n sin consentimiento expreso y escrito del titular \u00a0 El proceder del ISS vulner\u00f3 los derechos fundamentales invocados de la menor, puesto que esa entidad hab\u00eda reconocido la pensi\u00f3n de sobrevivientes por un monto del 50% a la menor desde 1995, al estimar procedente reconocerla. Acto administrativo ...<br \/><div class=\"pt-cv-rmwrap\"><a href=\"https:\/\/www.dmsjuridica.com\/buscador_20179478954\/corteconstitucionalcronologico202454587\/t-427-03\/\" class=\"_self pt-cv-readmore btn btn-success\" target=\"_self\">Ver Sentencia Completa...<\/a><\/div><\/div><\/div><\/div>\n<div class=\"col-md-12 col-sm-12 col-xs-12 pt-cv-content-item pt-cv-1-col\" ><div class='pt-cv-ifield'><a href=\"https:\/\/www.dmsjuridica.com\/buscador_20179478954\/corteconstitucionalcronologico202454587\/t-426-03\/\" class=\"_self pt-cv-href-thumbnail pt-cv-thumb-default\" target=\"_self\" ><\/a>\n<div class=\"pt-cv-taxoterm above_title\"><a href='https:\/\/www.dmsjuridica.com\/buscador_20179478954\/corteconstitucionalcronologico202454587\/category\/buscar-en-toda-la-corte\/2003\/tutelas-2003\/' title='Tutelas 2003' class='pt-cv-tax-tutelas-2003'>Tutelas 2003<\/a><\/div>\n<h4 class=\"pt-cv-title\"><a href=\"https:\/\/www.dmsjuridica.com\/buscador_20179478954\/corteconstitucionalcronologico202454587\/t-426-03\/\" class=\"_self\" target=\"_self\" >T-426-03<\/a><\/h4>\n<div class=\"pt-cv-content\">\u00a0 \u00a0 Sentencia T-426\/03 \u00a0 VIA DE HECHO-Alcance\/VIA DE HECHO-Requisitos \u00a0 DERECHO DE ASOCIACION SINDICAL-Definici\u00f3n \u00a0 DERECHO DE ASOCIACION SINDICAL-Naturaleza \u00a0 PROCESO DE REESTRUCTURACION-Alcance \u00a0 PROCESO DE REESTRUCTURACION-Causales de supresi\u00f3n de cargos \u00a0 PROCESO DE REESTRUCTURACION-Despidos colectivos en el Metro de Medell\u00edn \u00a0 FUERO SINDICAL-Empleados p\u00fablicos del Metro de Medell\u00edn \u00a0 PROCESO DE REESTRUCTURACION-No vulnera el derecho de asociaci\u00f3n sindical\/DERECHO DE ASOCIACI\u00d3N SINDICAL-No vulneraci\u00f3n por despidos colectivos \u00a0 PROCESO DE REESTRUCTURACION ADMINISTRATIVA-No es necesario solicitar el levantamiento del fuero sindical \u00a0 Cuando se trate de verdaderas reestructuraciones administrativas, no es necesario acudir a la autorizaci\u00f3n judicial, antes de suprimir cargos ...<br \/><div class=\"pt-cv-rmwrap\"><a href=\"https:\/\/www.dmsjuridica.com\/buscador_20179478954\/corteconstitucionalcronologico202454587\/t-426-03\/\" class=\"_self pt-cv-readmore btn btn-success\" target=\"_self\">Ver Sentencia Completa...<\/a><\/div><\/div><\/div><\/div>\n<div class=\"col-md-12 col-sm-12 col-xs-12 pt-cv-content-item pt-cv-1-col\" ><div class='pt-cv-ifield'><a href=\"https:\/\/www.dmsjuridica.com\/buscador_20179478954\/corteconstitucionalcronologico202454587\/t-425-03\/\" class=\"_self pt-cv-href-thumbnail pt-cv-thumb-default\" target=\"_self\" ><\/a>\n<div class=\"pt-cv-taxoterm above_title\"><a href='https:\/\/www.dmsjuridica.com\/buscador_20179478954\/corteconstitucionalcronologico202454587\/category\/buscar-en-toda-la-corte\/2003\/tutelas-2003\/' title='Tutelas 2003' class='pt-cv-tax-tutelas-2003'>Tutelas 2003<\/a><\/div>\n<h4 class=\"pt-cv-title\"><a href=\"https:\/\/www.dmsjuridica.com\/buscador_20179478954\/corteconstitucionalcronologico202454587\/t-425-03\/\" class=\"_self\" target=\"_self\" >T-425-03<\/a><\/h4>\n<div class=\"pt-cv-content\">\u00a0 \u00a0 Sentencia T-425\/03 \u00a0 ACCION DE TUTELA-Hecho superado por tratamiento de quimioterapia \u00a0 Reiteraci\u00f3n de Jurisprudencia \u00a0 Referencia: expediente T-694057 \u00a0 Acci\u00f3n de tutela instaurada por Pastora Bola\u00f1os Bola\u00f1os contra CAFESALUD E.P.S. \u00a0 Magistrado Ponente: \u00a0 Dr. EDUARDO MONTEALEGRE LYNETT \u00a0 Bogot\u00e1, D.C., veintis\u00e9is (26) de mayo de dos mil tres (2003). \u00a0 SENTENCIA \u00a0 dentro del proceso de revisi\u00f3n del fallo expedido por el Juzgado Primero Penal Municipal de Envigado, en el tr\u00e1mite de la acci\u00f3n de tutela instaurada por Pastora Bola\u00f1os Bola\u00f1os contra CAFESALUD E.P.S. \u00a0 I. ANTECEDENTES. \u00a0 Pastora Bola\u00f1os Bola\u00f1os instaur\u00f3 acci\u00f3n de tutela contra ...<br \/><div class=\"pt-cv-rmwrap\"><a href=\"https:\/\/www.dmsjuridica.com\/buscador_20179478954\/corteconstitucionalcronologico202454587\/t-425-03\/\" class=\"_self pt-cv-readmore btn btn-success\" target=\"_self\">Ver Sentencia Completa...<\/a><\/div><\/div><\/div><\/div>\n<div class=\"col-md-12 col-sm-12 col-xs-12 pt-cv-content-item pt-cv-1-col\" ><div class='pt-cv-ifield'><a href=\"https:\/\/www.dmsjuridica.com\/buscador_20179478954\/corteconstitucionalcronologico202454587\/t-424-03\/\" class=\"_self pt-cv-href-thumbnail pt-cv-thumb-default\" target=\"_self\" ><\/a>\n<div class=\"pt-cv-taxoterm above_title\"><a href='https:\/\/www.dmsjuridica.com\/buscador_20179478954\/corteconstitucionalcronologico202454587\/category\/buscar-en-toda-la-corte\/2003\/tutelas-2003\/' title='Tutelas 2003' class='pt-cv-tax-tutelas-2003'>Tutelas 2003<\/a><\/div>\n<h4 class=\"pt-cv-title\"><a href=\"https:\/\/www.dmsjuridica.com\/buscador_20179478954\/corteconstitucionalcronologico202454587\/t-424-03\/\" class=\"_self\" target=\"_self\" >T-424-03<\/a><\/h4>\n<div class=\"pt-cv-content\">\u00a0 \u00a0 Sentencia T-424\/03 \u00a0 DERECHO A LA SALUD DEL NI\u00d1O-Prueba de la incapacidad econ\u00f3mica de los padres \u00a0 DERECHO A LA SALUD DEL MENOR-Suministro de tirillas para medici\u00f3n de nivel de az\u00facar \u00a0 Reiteraci\u00f3n de Jurisprudencia \u00a0 Referencia: expediente T-694044 \u00a0 Acci\u00f3n de tutela instaurada por Danilo de Jes\u00fas \u00a0Valencia C\u00e1rdenas contra la E.P.S. Comfenalco. \u00a0 Magistrada Ponente: \u00a0 Dra. CLARA IN\u00c9S VARGAS \u00a0HERN\u00c1NDEZ \u00a0 Bogot\u00e1, D.C., veintitr\u00e9s (23) de mayo de dos mil tres (2003). \u00a0 La Sala Novena de Revisi\u00f3n de la Corte Constitucional, integrada por los Magistrados CLARA IN\u00c9S VARGAS HERN\u00c1NDEZ, JAIME ARA\u00daJO RENTER\u00cdA y ALFREDO ...<br \/><div class=\"pt-cv-rmwrap\"><a href=\"https:\/\/www.dmsjuridica.com\/buscador_20179478954\/corteconstitucionalcronologico202454587\/t-424-03\/\" class=\"_self pt-cv-readmore btn btn-success\" target=\"_self\">Ver Sentencia Completa...<\/a><\/div><\/div><\/div><\/div>\n<div class=\"col-md-12 col-sm-12 col-xs-12 pt-cv-content-item pt-cv-1-col\" ><div class='pt-cv-ifield'><a href=\"https:\/\/www.dmsjuridica.com\/buscador_20179478954\/corteconstitucionalcronologico202454587\/t-423-03\/\" class=\"_self pt-cv-href-thumbnail pt-cv-thumb-default\" target=\"_self\" ><\/a>\n<div class=\"pt-cv-taxoterm above_title\"><a href='https:\/\/www.dmsjuridica.com\/buscador_20179478954\/corteconstitucionalcronologico202454587\/category\/buscar-en-toda-la-corte\/2003\/tutelas-2003\/' title='Tutelas 2003' class='pt-cv-tax-tutelas-2003'>Tutelas 2003<\/a><\/div>\n<h4 class=\"pt-cv-title\"><a href=\"https:\/\/www.dmsjuridica.com\/buscador_20179478954\/corteconstitucionalcronologico202454587\/t-423-03\/\" class=\"_self\" target=\"_self\" >T-423-03<\/a><\/h4>\n<div class=\"pt-cv-content\">\u00a0 \u00a0 Sentencia T-423\/03 \u00a0 CONTRATO DE ADQUISICION DE VIVIENDA-Caracter\u00edsticas \u00a0 Los contratos celebrados en el marco de los sistemas para adquisici\u00f3n de vivienda entre entidades financieras y personas naturales, tienen principalmente tres caracter\u00edsticas: (i) ser contratos de derecho privado (ii) que est\u00e1n altamente intervenidos por el Estado y (iii) que respecto de su ejecuci\u00f3n, la entidad financiera goza de posici\u00f3n dominante negocial. \u00a0 ENTIDAD BANCARIA-Posici\u00f3n dominante \u00a0 ACCION DE TUTELA-Improcedencia general sobre controversias contractuales \u00a0 DERECHOS FUNDAMENTALES-Concepto \u00a0 Ser\u00e1n derechos fundamentales s\u00f3lo aquellos que puedan ser catalogados como universales \u201cen el sentido l\u00f3gico de la cuantificaci\u00f3n universal de la ...<br \/><div class=\"pt-cv-rmwrap\"><a href=\"https:\/\/www.dmsjuridica.com\/buscador_20179478954\/corteconstitucionalcronologico202454587\/t-423-03\/\" class=\"_self pt-cv-readmore btn btn-success\" target=\"_self\">Ver Sentencia Completa...<\/a><\/div><\/div><\/div><\/div>\n<div class=\"col-md-12 col-sm-12 col-xs-12 pt-cv-content-item pt-cv-1-col\" ><div class='pt-cv-ifield'><a href=\"https:\/\/www.dmsjuridica.com\/buscador_20179478954\/corteconstitucionalcronologico202454587\/t-422-03\/\" class=\"_self pt-cv-href-thumbnail pt-cv-thumb-default\" target=\"_self\" ><\/a>\n<div class=\"pt-cv-taxoterm above_title\"><a href='https:\/\/www.dmsjuridica.com\/buscador_20179478954\/corteconstitucionalcronologico202454587\/category\/buscar-en-toda-la-corte\/2003\/tutelas-2003\/' title='Tutelas 2003' class='pt-cv-tax-tutelas-2003'>Tutelas 2003<\/a><\/div>\n<h4 class=\"pt-cv-title\"><a href=\"https:\/\/www.dmsjuridica.com\/buscador_20179478954\/corteconstitucionalcronologico202454587\/t-422-03\/\" class=\"_self\" target=\"_self\" >T-422-03<\/a><\/h4>\n<div class=\"pt-cv-content\">\u00a0 \u00a0 Sentencia T-422\/03 \u00a0 DERECHO DE PETICION-Alcance\/DERECHO DE PETICION-N\u00facleo esencial \u00a0 DERECHO DE PETICION ANTE PARTICULARES-Situaciones que se presentan \u00a0 DERECHO DE PETICION-T\u00e9rmino para resolver \u00a0 DERECHO DE PETICION-T\u00e9rmino de seis meses para tr\u00e1mite y pago \u00a0 DERECHO DE PETICION-T\u00e9rmino para resolver solicitudes en materia pensional\/DERECHO DE PETICION-Solicitud reliquidaci\u00f3n pensi\u00f3n de jubilaci\u00f3n \u00a0 Reiteraci\u00f3n de Jurisprudencia \u00a0 Referencia: expediente T-694571 \u00a0 Acci\u00f3n de tutela instaurada por ABSALON PALOMINO ARTEAGA contra la Caja Nacional de Previsi\u00f3n Social CAJANAL. \u00a0 Magistrado Ponente: \u00a0Dr. RODRIGO ESCOBAR GIL \u00a0 Bogot\u00e1, D.C., veintid\u00f3s (22) de mayo de dos mil tres (2003). \u00a0 La Sala ...<br \/><div class=\"pt-cv-rmwrap\"><a href=\"https:\/\/www.dmsjuridica.com\/buscador_20179478954\/corteconstitucionalcronologico202454587\/t-422-03\/\" class=\"_self pt-cv-readmore btn btn-success\" target=\"_self\">Ver Sentencia Completa...<\/a><\/div><\/div><\/div><\/div>\n<div class=\"col-md-12 col-sm-12 col-xs-12 pt-cv-content-item pt-cv-1-col\" ><div class='pt-cv-ifield'><a href=\"https:\/\/www.dmsjuridica.com\/buscador_20179478954\/corteconstitucionalcronologico202454587\/t-421-03\/\" class=\"_self pt-cv-href-thumbnail pt-cv-thumb-default\" target=\"_self\" ><\/a>\n<div class=\"pt-cv-taxoterm above_title\"><a href='https:\/\/www.dmsjuridica.com\/buscador_20179478954\/corteconstitucionalcronologico202454587\/category\/buscar-en-toda-la-corte\/2003\/tutelas-2003\/' title='Tutelas 2003' class='pt-cv-tax-tutelas-2003'>Tutelas 2003<\/a><\/div>\n<h4 class=\"pt-cv-title\"><a href=\"https:\/\/www.dmsjuridica.com\/buscador_20179478954\/corteconstitucionalcronologico202454587\/t-421-03\/\" class=\"_self\" target=\"_self\" >T-421-03<\/a><\/h4>\n<div class=\"pt-cv-content\">\u00a0 \u00a0 \u00a0\u00a0 \u00a0 \u00a0 \u00a0 \u00a0 \u00a0 \u00a0 \u00a0 \u00a0 \u00a0 \u00a0 \u00a0 \u00a0 \u00a0 \u00a0 \u00a0 \u00a0 \u00a0 \u00a0 \u00a0 \u00a0 \u00a0 \u00a0 \u00a0 \u00a0 \u00a0 \u00a0 \u00a0 \u00a0 \u00a0 \u00a0 \u00a0 \u00a0 \u00a0 \u00a0 \u00a0 \u00a0 \u00a0 \u00a0 \u00a0 \u00a0 \u00a0 \u00a0 \u00a0 \u00a0 \u00a0 \u00a0 \u00a0 \u00a0 \u00a0 \u00a0 \u00a0 \u00a0 \u00a0 \u00a0 \u00a0 \u00a0 \u00a0 \u00a0 \u00a0 \u00a0 \u00a0 \u00a0 \u00a0 \u00a0 \u00a0 \u00a0 \u00a0 \u00a0 \u00a0 \u00a0 \u00a0 \u00a0 \u00a0 \u00a0 \u00a0 \u00a0 \u00a0 \u00a0 \u00a0 \u00a0 \u00a0 \u00a0 \u00a0 \u00a0 \u00a0 \u00a0 \u00a0 \u00a0 \u00a0 \u00a0 \u00a0 \u00a0 \u00a0 \u00a0 \u00a0 \u00a0 \u00a0 ...<br \/><div class=\"pt-cv-rmwrap\"><a href=\"https:\/\/www.dmsjuridica.com\/buscador_20179478954\/corteconstitucionalcronologico202454587\/t-421-03\/\" class=\"_self pt-cv-readmore btn btn-success\" target=\"_self\">Ver Sentencia Completa...<\/a><\/div><\/div><\/div><\/div>\n<div class=\"col-md-12 col-sm-12 col-xs-12 pt-cv-content-item pt-cv-1-col\" ><div class='pt-cv-ifield'><a href=\"https:\/\/www.dmsjuridica.com\/buscador_20179478954\/corteconstitucionalcronologico202454587\/t-420-03\/\" class=\"_self pt-cv-href-thumbnail pt-cv-thumb-default\" target=\"_self\" ><\/a>\n<div class=\"pt-cv-taxoterm above_title\"><a href='https:\/\/www.dmsjuridica.com\/buscador_20179478954\/corteconstitucionalcronologico202454587\/category\/buscar-en-toda-la-corte\/2003\/tutelas-2003\/' title='Tutelas 2003' class='pt-cv-tax-tutelas-2003'>Tutelas 2003<\/a><\/div>\n<h4 class=\"pt-cv-title\"><a href=\"https:\/\/www.dmsjuridica.com\/buscador_20179478954\/corteconstitucionalcronologico202454587\/t-420-03\/\" class=\"_self\" target=\"_self\" >T-420-03<\/a><\/h4>\n<div class=\"pt-cv-content\">\u00a0 \u00a0 \u00a0 \u00a0 COSA JUZGADA-Se funda en el principio de seguridad jur\u00eddica \u00a0 CORTE SUPREMA DE JUSTICIA-Autoridad p\u00fablica\/ACCION DE TUTELA CONTRA PROVIDENCIAS DE LA CORTE SUPREMA DE JUSTICIA-Procedencia excepcional por v\u00eda de hecho \u00a0 La Corte Suprema de Justicia, al igual que todos los dem\u00e1s organismos del Estado y los particulares, se encuentra sometida a la Constituci\u00f3n Pol\u00edtica. Adem\u00e1s, es tambi\u00e9n indiscutible su car\u00e1cter de autoridad p\u00fablica y, en ese orden de ideas, con sus actos u omisiones podr\u00eda de manera excepcional, vulnerar o amenazar de vulneraci\u00f3n derechos constitucionales fundamentales que deben ser protegidos por el Estado. De ah\u00ed, ...<br \/><div class=\"pt-cv-rmwrap\"><a href=\"https:\/\/www.dmsjuridica.com\/buscador_20179478954\/corteconstitucionalcronologico202454587\/t-420-03\/\" class=\"_self pt-cv-readmore btn btn-success\" target=\"_self\">Ver Sentencia Completa...<\/a><\/div><\/div><\/div><\/div>\n<div class=\"col-md-12 col-sm-12 col-xs-12 pt-cv-content-item pt-cv-1-col\" ><div class='pt-cv-ifield'><a href=\"https:\/\/www.dmsjuridica.com\/buscador_20179478954\/corteconstitucionalcronologico202454587\/t-419-03\/\" class=\"_self pt-cv-href-thumbnail pt-cv-thumb-default\" target=\"_self\" ><\/a>\n<div class=\"pt-cv-taxoterm above_title\"><a href='https:\/\/www.dmsjuridica.com\/buscador_20179478954\/corteconstitucionalcronologico202454587\/category\/buscar-en-toda-la-corte\/2003\/tutelas-2003\/' title='Tutelas 2003' class='pt-cv-tax-tutelas-2003'>Tutelas 2003<\/a><\/div>\n<h4 class=\"pt-cv-title\"><a href=\"https:\/\/www.dmsjuridica.com\/buscador_20179478954\/corteconstitucionalcronologico202454587\/t-419-03\/\" class=\"_self\" target=\"_self\" >T-419-03<\/a><\/h4>\n<div class=\"pt-cv-content\">\u00a0 \u00a0 Sentencia T-419\/03 \u00a0 ACCION DE TUTELA-Procedencia respecto a desplazados \u00a0 DESPLAZADOS INTERNOS-Concepto\/DERECHOS FUNDAMENTALES DE LOS DESPLAZADOS-Aplicaci\u00f3n de la interpretaci\u00f3n m\u00e1s favorable \u00a0 RED DE SOLIDARIDAD SOCIAL Y DESPLAZADOS-Protecci\u00f3n\u00a0 \u00a0 ACCION DE TUTELA-Procedencia por omisi\u00f3n de la Red de Solidaridad social en suministrar ayuda humanitaria \u00a0 La Red de Solidaridad Social no ha adelantado dentro del t\u00e9rmino respectivo y bajo los principios de la Ley 387 de 1997, la ayuda humanitaria a que tienen derecho los actores luego del reconocimiento hecho como desplazados. \u00a0Situaci\u00f3n que hace procedente la acci\u00f3n de tutela interpuesta. Si bien es cierto, al juez constitucional ...<br \/><div class=\"pt-cv-rmwrap\"><a href=\"https:\/\/www.dmsjuridica.com\/buscador_20179478954\/corteconstitucionalcronologico202454587\/t-419-03\/\" class=\"_self pt-cv-readmore btn btn-success\" target=\"_self\">Ver Sentencia Completa...<\/a><\/div><\/div><\/div><\/div>\n<div class=\"col-md-12 col-sm-12 col-xs-12 pt-cv-content-item pt-cv-1-col\" ><div class='pt-cv-ifield'><a href=\"https:\/\/www.dmsjuridica.com\/buscador_20179478954\/corteconstitucionalcronologico202454587\/t-418-03\/\" class=\"_self pt-cv-href-thumbnail pt-cv-thumb-default\" target=\"_self\" ><\/a>\n<div class=\"pt-cv-taxoterm above_title\"><a href='https:\/\/www.dmsjuridica.com\/buscador_20179478954\/corteconstitucionalcronologico202454587\/category\/buscar-en-toda-la-corte\/2003\/tutelas-2003\/' title='Tutelas 2003' class='pt-cv-tax-tutelas-2003'>Tutelas 2003<\/a><\/div>\n<h4 class=\"pt-cv-title\"><a href=\"https:\/\/www.dmsjuridica.com\/buscador_20179478954\/corteconstitucionalcronologico202454587\/t-418-03\/\" class=\"_self\" target=\"_self\" >T-418-03<\/a><\/h4>\n<div class=\"pt-cv-content\">\u00a0 \u00a0 Sentencia T-418\/03 \u00a0 VIA DE HECHO-Procedencia excepcional de tutela \u00a0 ACCION DE TUTELA-Procedencia excepcional por v\u00eda de hecho judicial\/VIA DE HECHO-Clases de defectos en la actuaci\u00f3n \u00a0 VIA DE HECHO EN SENTENCIA JUDICIAL Y EN PROCESO ADMINISTRATIVO FISCAL DISCIPLINARIO-Diferentes situaciones que debe examinar el juez de tutela \u00a0 Es distinta la situaci\u00f3n que debe examinar el juez de tutela cuando el amparo se solicita frente a una v\u00eda de hecho producida en una sentencia judicial, que cuando se invoca una v\u00eda de hecho en una decisi\u00f3n que no es judicial, como por ejemplo, en un proceso administrativo, disciplinario ...<br \/><div class=\"pt-cv-rmwrap\"><a href=\"https:\/\/www.dmsjuridica.com\/buscador_20179478954\/corteconstitucionalcronologico202454587\/t-418-03\/\" class=\"_self pt-cv-readmore btn btn-success\" target=\"_self\">Ver Sentencia Completa...<\/a><\/div><\/div><\/div><\/div>\n<div class=\"col-md-12 col-sm-12 col-xs-12 pt-cv-content-item pt-cv-1-col\" ><div class='pt-cv-ifield'><a href=\"https:\/\/www.dmsjuridica.com\/buscador_20179478954\/corteconstitucionalcronologico202454587\/t-417-03\/\" class=\"_self pt-cv-href-thumbnail pt-cv-thumb-default\" target=\"_self\" ><\/a>\n<div class=\"pt-cv-taxoterm above_title\"><a href='https:\/\/www.dmsjuridica.com\/buscador_20179478954\/corteconstitucionalcronologico202454587\/category\/buscar-en-toda-la-corte\/2003\/tutelas-2003\/' title='Tutelas 2003' class='pt-cv-tax-tutelas-2003'>Tutelas 2003<\/a><\/div>\n<h4 class=\"pt-cv-title\"><a href=\"https:\/\/www.dmsjuridica.com\/buscador_20179478954\/corteconstitucionalcronologico202454587\/t-417-03\/\" class=\"_self\" target=\"_self\" >T-417-03<\/a><\/h4>\n<div class=\"pt-cv-content\">\u00a0 \u00a0 Sentencia T-417\/03 \u00a0 ACCION DE TUTELA CONTRA PARTICULARES-Subordinaci\u00f3n \u00a0 EMPLEADOR-Asunci\u00f3n servicio de salud por mora en aportes \u00a0 DERECHOS FUNDAMENTALES DEL TRABAJADOR-Vulneraci\u00f3n por mora de empleador en pago de aportes a EPS \u00a0 DERECHO A LA SEGURIDAD SOCIAL-Conexidad con la vida\/DERECHO A LA SALUD DEL DISCAPACITADO-Protecci\u00f3n especial\/DERECHO A LA SALUD DEL DISCAPACITADO-Atenci\u00f3n m\u00e9dica por empleador por mora en aportes en salud \u00a0 \u00a0 Reiteraci\u00f3n de Jurisprudencia \u00a0 Referencia: expediente T-706419 \u00a0 Acci\u00f3n de tutela instaurada por Luis Alfredo Sequera Abril contra la empresa Acer\u00edas Paz del R\u00edo S.A. \u00a0 Magistrado Ponente: \u00a0 Dr. JAIME ARAUJO RENTER\u00cdA \u00a0 Bogot\u00e1, ...<br \/><div class=\"pt-cv-rmwrap\"><a href=\"https:\/\/www.dmsjuridica.com\/buscador_20179478954\/corteconstitucionalcronologico202454587\/t-417-03\/\" class=\"_self pt-cv-readmore btn btn-success\" target=\"_self\">Ver Sentencia Completa...<\/a><\/div><\/div><\/div><\/div>\n<div class=\"col-md-12 col-sm-12 col-xs-12 pt-cv-content-item pt-cv-1-col\" ><div class='pt-cv-ifield'><a href=\"https:\/\/www.dmsjuridica.com\/buscador_20179478954\/corteconstitucionalcronologico202454587\/t-416-03\/\" class=\"_self pt-cv-href-thumbnail pt-cv-thumb-default\" target=\"_self\" ><\/a>\n<div class=\"pt-cv-taxoterm above_title\"><a href='https:\/\/www.dmsjuridica.com\/buscador_20179478954\/corteconstitucionalcronologico202454587\/category\/buscar-en-toda-la-corte\/2003\/tutelas-2003\/' title='Tutelas 2003' class='pt-cv-tax-tutelas-2003'>Tutelas 2003<\/a><\/div>\n<h4 class=\"pt-cv-title\"><a href=\"https:\/\/www.dmsjuridica.com\/buscador_20179478954\/corteconstitucionalcronologico202454587\/t-416-03\/\" class=\"_self\" target=\"_self\" >T-416-03<\/a><\/h4>\n<div class=\"pt-cv-content\">\u00a0 \u00a0 Sentencia T-416\/03 \u00a0 DERECHO A LA SALUD DEL MENOR-Suministro de pr\u00f3tesis por EPS no por IPS \u00a0 Para la Sala es claro que la IPS. SERVIR no falt\u00f3 a su obligaci\u00f3n de garantizar el acceso a la seguridad social del menor, pues protegi\u00f3 su salud y su vida de manera eficiente y continua procurando lo necesario para su recuperaci\u00f3n. Siendo del caso recordar que dicha IPS debe regirse por los t\u00e9rminos del contrato suscrito con la EPS, en el cual se estipulan las obligaciones y los servicios a prestar. \u00a0Por lo mismo, en relaci\u00f3n con la negativa del ...<br \/><div class=\"pt-cv-rmwrap\"><a href=\"https:\/\/www.dmsjuridica.com\/buscador_20179478954\/corteconstitucionalcronologico202454587\/t-416-03\/\" class=\"_self pt-cv-readmore btn btn-success\" target=\"_self\">Ver Sentencia Completa...<\/a><\/div><\/div><\/div><\/div>\n<div class=\"col-md-12 col-sm-12 col-xs-12 pt-cv-content-item pt-cv-1-col\" ><div class='pt-cv-ifield'><a href=\"https:\/\/www.dmsjuridica.com\/buscador_20179478954\/corteconstitucionalcronologico202454587\/t-415-03\/\" class=\"_self pt-cv-href-thumbnail pt-cv-thumb-default\" target=\"_self\" ><\/a>\n<div class=\"pt-cv-taxoterm above_title\"><a href='https:\/\/www.dmsjuridica.com\/buscador_20179478954\/corteconstitucionalcronologico202454587\/category\/buscar-en-toda-la-corte\/2003\/tutelas-2003\/' title='Tutelas 2003' class='pt-cv-tax-tutelas-2003'>Tutelas 2003<\/a><\/div>\n<h4 class=\"pt-cv-title\"><a href=\"https:\/\/www.dmsjuridica.com\/buscador_20179478954\/corteconstitucionalcronologico202454587\/t-415-03\/\" class=\"_self\" target=\"_self\" >T-415-03<\/a><\/h4>\n<div class=\"pt-cv-content\">\u00a0 \u00a0 Sentencia T-415\/03 \u00a0 DERECHO A LA SALUD DEL NI\u00d1O-Pr\u00e1ctica de examen \u00a0 Reiteraci\u00f3n de Jurisprudencia \u00a0 Referencia: expediente T-710264 \u00a0 Acci\u00f3n de tutela instaurada por Margenis \u00a0Uribe Criollo contra Asmet Salud \u00a0A.R.S \u00a0 Magistrado Ponente: \u00a0 Dr. ALVARO TAFUR GALVIS \u00a0 Bogot\u00e1, D.C., veintid\u00f3s (22) de mayo de dos mil tres (2003). \u00a0 La Sala Octava de Revisi\u00f3n de la Corte Constitucional, en ejercicio de sus competencias constitucionales y legales, en particular las contenidas en los art\u00edculos 86 y 241, numeral 9 de la Constituci\u00f3n y el Decreto 2591 de 1991, ha pronunciado la siguiente \u00a0 SENTENCIA \u00a0 ...<br \/><div class=\"pt-cv-rmwrap\"><a href=\"https:\/\/www.dmsjuridica.com\/buscador_20179478954\/corteconstitucionalcronologico202454587\/t-415-03\/\" class=\"_self pt-cv-readmore btn btn-success\" target=\"_self\">Ver Sentencia Completa...<\/a><\/div><\/div><\/div><\/div>\n<div class=\"col-md-12 col-sm-12 col-xs-12 pt-cv-content-item pt-cv-1-col\" ><div class='pt-cv-ifield'><a href=\"https:\/\/www.dmsjuridica.com\/buscador_20179478954\/corteconstitucionalcronologico202454587\/t-414-03\/\" class=\"_self pt-cv-href-thumbnail pt-cv-thumb-default\" target=\"_self\" ><\/a>\n<div class=\"pt-cv-taxoterm above_title\"><a href='https:\/\/www.dmsjuridica.com\/buscador_20179478954\/corteconstitucionalcronologico202454587\/category\/buscar-en-toda-la-corte\/2003\/tutelas-2003\/' title='Tutelas 2003' class='pt-cv-tax-tutelas-2003'>Tutelas 2003<\/a><\/div>\n<h4 class=\"pt-cv-title\"><a href=\"https:\/\/www.dmsjuridica.com\/buscador_20179478954\/corteconstitucionalcronologico202454587\/t-414-03\/\" class=\"_self\" target=\"_self\" >T-414-03<\/a><\/h4>\n<div class=\"pt-cv-content\">\u00a0 \u00a0 Sentencia T-414\/03 \u00a0 DERECHO A LA SALUD DEL ENFERMO DE SIDA-Improcedencia de entrega de suplemento alimenticio \u00a0 Reiteraci\u00f3n de Jurisprudencia \u00a0 Referencia: expediente T-695863 \u00a0 Acci\u00f3n de tutela instaurada por Ricardo Zaldua Carrillo contra Salud Total E.P.S.. \u00a0 Magistrado Ponente: \u00a0 Dr. ALVARO TAFUR GALVIS \u00a0 Bogot\u00e1, D.C., veintid\u00f3s (22) de mayo de dos mil tres (2003). \u00a0 La Sala Octava de Revisi\u00f3n de la Corte Constitucional, en ejercicio de sus competencias constitucionales y legales, espec\u00edficamente las previstas en los art\u00edculos 86 y 241, numeral 9, de la Constituci\u00f3n Pol\u00edtica y en el Decreto 2591 de 1.991, ha ...<br \/><div class=\"pt-cv-rmwrap\"><a href=\"https:\/\/www.dmsjuridica.com\/buscador_20179478954\/corteconstitucionalcronologico202454587\/t-414-03\/\" class=\"_self pt-cv-readmore btn btn-success\" target=\"_self\">Ver Sentencia Completa...<\/a><\/div><\/div><\/div><\/div>\n<div class=\"col-md-12 col-sm-12 col-xs-12 pt-cv-content-item pt-cv-1-col\" ><div class='pt-cv-ifield'><a href=\"https:\/\/www.dmsjuridica.com\/buscador_20179478954\/corteconstitucionalcronologico202454587\/t-413-03\/\" class=\"_self pt-cv-href-thumbnail pt-cv-thumb-default\" target=\"_self\" ><\/a>\n<div class=\"pt-cv-taxoterm above_title\"><a href='https:\/\/www.dmsjuridica.com\/buscador_20179478954\/corteconstitucionalcronologico202454587\/category\/buscar-en-toda-la-corte\/2003\/tutelas-2003\/' title='Tutelas 2003' class='pt-cv-tax-tutelas-2003'>Tutelas 2003<\/a><\/div>\n<h4 class=\"pt-cv-title\"><a href=\"https:\/\/www.dmsjuridica.com\/buscador_20179478954\/corteconstitucionalcronologico202454587\/t-413-03\/\" class=\"_self\" target=\"_self\" >T-413-03<\/a><\/h4>\n<div class=\"pt-cv-content\">\u00a0 \u00a0 Sentencia T-413\/03 \u00a0 DERECHO A LA SALUD-No obra prueba de vulneraci\u00f3n de derechos fundamentales \u00a0 Si bien la accionante alega tener la necesidad de que se le extraigan unos clavos de su pierna izquierda, no demostr\u00f3 que fuese esa la orden de su m\u00e9dico tratante, no existe afirmaci\u00f3n de la accionante que demuestre que los clavos afectan su movilidad o la facilidad para andar, no se\u00f1al\u00f3 ning\u00fan inconveniente relativo a dolores o molestias en su salud generadas por la presencia de los clavos y en general no se encuentra prueba en el expediente que permita inferir que est\u00e1 ...<br \/><div class=\"pt-cv-rmwrap\"><a href=\"https:\/\/www.dmsjuridica.com\/buscador_20179478954\/corteconstitucionalcronologico202454587\/t-413-03\/\" class=\"_self pt-cv-readmore btn btn-success\" target=\"_self\">Ver Sentencia Completa...<\/a><\/div><\/div><\/div><\/div>\n<div class=\"col-md-12 col-sm-12 col-xs-12 pt-cv-content-item pt-cv-1-col\" ><div class='pt-cv-ifield'><a href=\"https:\/\/www.dmsjuridica.com\/buscador_20179478954\/corteconstitucionalcronologico202454587\/t-412-03\/\" class=\"_self pt-cv-href-thumbnail pt-cv-thumb-default\" target=\"_self\" ><\/a>\n<div class=\"pt-cv-taxoterm above_title\"><a href='https:\/\/www.dmsjuridica.com\/buscador_20179478954\/corteconstitucionalcronologico202454587\/category\/buscar-en-toda-la-corte\/2003\/tutelas-2003\/' title='Tutelas 2003' class='pt-cv-tax-tutelas-2003'>Tutelas 2003<\/a><\/div>\n<h4 class=\"pt-cv-title\"><a href=\"https:\/\/www.dmsjuridica.com\/buscador_20179478954\/corteconstitucionalcronologico202454587\/t-412-03\/\" class=\"_self\" target=\"_self\" >T-412-03<\/a><\/h4>\n<div class=\"pt-cv-content\">\u00a0 \u00a0 Sentencia T-412\/03 \u00a0 DERECHO A LA SALUD DE PERSONA DE LA TERCERA EDAD-Suministro de medicamento \u00a0 Reiteraci\u00f3n de Jurisprudencia \u00a0 Referencia: expediente T-693428 \u00a0 Acci\u00f3n de tutela presentada por la se\u00f1ora Teodocia Banda Mu\u00f1oz, en contra del Instituto de Seguros Sociales de C\u00f3rdoba. \u00a0 Magistrado Ponente: \u00a0 Dr. ALVARO TAFUR GALVIS \u00a0 La Sala Octava de Revisi\u00f3n de la Corte Constitucional, integrada por los magistrados \u00c1lvaro Tafur Galvis, Clara In\u00e9s Vargas Hern\u00e1ndez y Jaime Araujo Renter\u00eda, en ejercicio de sus competencias constitucionales y legales, en particular las contenidas en los art\u00edculos 86 y 241, numeral 9, de la ...<br \/><div class=\"pt-cv-rmwrap\"><a href=\"https:\/\/www.dmsjuridica.com\/buscador_20179478954\/corteconstitucionalcronologico202454587\/t-412-03\/\" class=\"_self pt-cv-readmore btn btn-success\" target=\"_self\">Ver Sentencia Completa...<\/a><\/div><\/div><\/div><\/div>\n<div class=\"col-md-12 col-sm-12 col-xs-12 pt-cv-content-item pt-cv-1-col\" ><div class='pt-cv-ifield'><a href=\"https:\/\/www.dmsjuridica.com\/buscador_20179478954\/corteconstitucionalcronologico202454587\/t-411-03\/\" class=\"_self pt-cv-href-thumbnail pt-cv-thumb-default\" target=\"_self\" ><\/a>\n<div class=\"pt-cv-taxoterm above_title\"><a href='https:\/\/www.dmsjuridica.com\/buscador_20179478954\/corteconstitucionalcronologico202454587\/category\/buscar-en-toda-la-corte\/2003\/tutelas-2003\/' title='Tutelas 2003' class='pt-cv-tax-tutelas-2003'>Tutelas 2003<\/a><\/div>\n<h4 class=\"pt-cv-title\"><a href=\"https:\/\/www.dmsjuridica.com\/buscador_20179478954\/corteconstitucionalcronologico202454587\/t-411-03\/\" class=\"_self\" target=\"_self\" >T-411-03<\/a><\/h4>\n<div class=\"pt-cv-content\">\u00a0 \u00a0 Sentencia T-411\/03 \u00a0 DERECHO A LA SALUD DEL ENFERMO DE SIDA-Copagos y cuotas moderadoras \u00a0 No se discute que el sistema de seguridad social en salud debe dotarse de una racionalidad econ\u00f3mica que lo haga viable. A ello obedecen los copagos y las cuotas moderadoras que est\u00e1n a cargo de los afiliados tanto al r\u00e9gimen contributivo como al r\u00e9gimen subsidiado. Tales copagos y cuotas impuestos por la ley y avalados por esta Corporaci\u00f3n, son leg\u00edtimos. No obstante, existen situaciones excepcionales en las que el compromiso de los derechos fundamentales del afiliado al sistema de seguridad social en salud ...<br \/><div class=\"pt-cv-rmwrap\"><a href=\"https:\/\/www.dmsjuridica.com\/buscador_20179478954\/corteconstitucionalcronologico202454587\/t-411-03\/\" class=\"_self pt-cv-readmore btn btn-success\" target=\"_self\">Ver Sentencia Completa...<\/a><\/div><\/div><\/div><\/div>\n<div class=\"col-md-12 col-sm-12 col-xs-12 pt-cv-content-item pt-cv-1-col\" ><div class='pt-cv-ifield'><a href=\"https:\/\/www.dmsjuridica.com\/buscador_20179478954\/corteconstitucionalcronologico202454587\/t-410-03\/\" class=\"_self pt-cv-href-thumbnail pt-cv-thumb-default\" target=\"_self\" ><\/a>\n<div class=\"pt-cv-taxoterm above_title\"><a href='https:\/\/www.dmsjuridica.com\/buscador_20179478954\/corteconstitucionalcronologico202454587\/category\/buscar-en-toda-la-corte\/2003\/tutelas-2003\/' title='Tutelas 2003' class='pt-cv-tax-tutelas-2003'>Tutelas 2003<\/a><\/div>\n<h4 class=\"pt-cv-title\"><a href=\"https:\/\/www.dmsjuridica.com\/buscador_20179478954\/corteconstitucionalcronologico202454587\/t-410-03\/\" class=\"_self\" target=\"_self\" >T-410-03<\/a><\/h4>\n<div class=\"pt-cv-content\">\u00a0 \u00a0 Sentencia T-410\/03 \u00a0 DERECHO A LA VIDA-Consumo de agua potable \u00a0 SERVICIO PUBLICO DE ACUEDUCTO-Pureza del agua \u00a0 DERECHOS FUNDAMENTALES-Vulneraci\u00f3n por suministro de agua contaminada \u00a0 El comprobado suministro de agua contaminada y no apta para el consumo humano por parte de las autoridades accionadas, constituye un factor de riesgo y de vulneraci\u00f3n de los derechos fundamentales a la vida, la dignidad humana, la salud y el ambiente sano del actor y de los habitantes del municipio, raz\u00f3n por la cual esta Sala decidir\u00e1 a favor de la protecci\u00f3n constitucional de esas garant\u00edas.\u00a0 \u00a0 ACCION POPULAR-Protecci\u00f3n de derechos ...<br \/><div class=\"pt-cv-rmwrap\"><a href=\"https:\/\/www.dmsjuridica.com\/buscador_20179478954\/corteconstitucionalcronologico202454587\/t-410-03\/\" class=\"_self pt-cv-readmore btn btn-success\" target=\"_self\">Ver Sentencia Completa...<\/a><\/div><\/div><\/div><\/div>\n<div class=\"col-md-12 col-sm-12 col-xs-12 pt-cv-content-item pt-cv-1-col\" ><div class='pt-cv-ifield'><a href=\"https:\/\/www.dmsjuridica.com\/buscador_20179478954\/corteconstitucionalcronologico202454587\/t-398-03\/\" class=\"_self pt-cv-href-thumbnail pt-cv-thumb-default\" target=\"_self\" ><\/a>\n<div class=\"pt-cv-taxoterm above_title\"><a href='https:\/\/www.dmsjuridica.com\/buscador_20179478954\/corteconstitucionalcronologico202454587\/category\/buscar-en-toda-la-corte\/2003\/tutelas-2003\/' title='Tutelas 2003' class='pt-cv-tax-tutelas-2003'>Tutelas 2003<\/a><\/div>\n<h4 class=\"pt-cv-title\"><a href=\"https:\/\/www.dmsjuridica.com\/buscador_20179478954\/corteconstitucionalcronologico202454587\/t-398-03\/\" class=\"_self\" target=\"_self\" >T-398-03<\/a><\/h4>\n<div class=\"pt-cv-content\">\u00a0 \u00a0 Sentencia T-398\/03 \u00a0 DERECHO A LA SALUD DEL NI\u00d1O-Pr\u00e1ctica de examen\/JUEZ DE TUTELA-Aplicaci\u00f3n del principio de cautela \u00a0 Es necesario tener en cuenta un factor temporal que contribuye tambi\u00e9n a desvirtuar el car\u00e1cter inminente y actual de la presunta amenaza. La formulaci\u00f3n del examen se hizo ya hace m\u00e1s de un a\u00f1o, y por lo tanto, resulta poco probable que al no practicarlo se est\u00e9n amenazando actualmente los derechos de la menor. Ello no significa por supuesto, que la entidad accionada haya actuado diligentemente. Por el contrario, si a la menor le fue solicitada la pr\u00e1ctica de un ...<br \/><div class=\"pt-cv-rmwrap\"><a href=\"https:\/\/www.dmsjuridica.com\/buscador_20179478954\/corteconstitucionalcronologico202454587\/t-398-03\/\" class=\"_self pt-cv-readmore btn btn-success\" target=\"_self\">Ver Sentencia Completa...<\/a><\/div><\/div><\/div><\/div>\n<div class=\"col-md-12 col-sm-12 col-xs-12 pt-cv-content-item pt-cv-1-col\" ><div class='pt-cv-ifield'><a href=\"https:\/\/www.dmsjuridica.com\/buscador_20179478954\/corteconstitucionalcronologico202454587\/t-395-03\/\" class=\"_self pt-cv-href-thumbnail pt-cv-thumb-default\" target=\"_self\" ><\/a>\n<div class=\"pt-cv-taxoterm above_title\"><a href='https:\/\/www.dmsjuridica.com\/buscador_20179478954\/corteconstitucionalcronologico202454587\/category\/buscar-en-toda-la-corte\/2003\/tutelas-2003\/' title='Tutelas 2003' class='pt-cv-tax-tutelas-2003'>Tutelas 2003<\/a><\/div>\n<h4 class=\"pt-cv-title\"><a href=\"https:\/\/www.dmsjuridica.com\/buscador_20179478954\/corteconstitucionalcronologico202454587\/t-395-03\/\" class=\"_self\" target=\"_self\" >T-395-03<\/a><\/h4>\n<div class=\"pt-cv-content\">\u00a0 \u00a0 \u00a0\u00a0 Sentencia T-395\/03 \u00a0 DERECHO AL TRABAJO-Clases de estabilidad laboral \u00a0 ALCALDE LOCAL-Es cargo de libre nombramiento y remoci\u00f3n \u00a0 DEBIDO PROCESO-Imposici\u00f3n de sanciones \u00a0 ACTO ADMINISTRATIVO-Motivaci\u00f3n \u00a0 DECLARACION DE INSUBSISTENCIA EN EMPLEOS DE LIBRE NOMBRAMIENTO Y REMOCI\u00d3N-No motivaci\u00f3n \u00a0 HOJA DE VIDA-Actualizaci\u00f3n \u00a0 HOJA DE VIDA-Actualizaci\u00f3n de insubsistencia y causas del retiro\/DEBIDO PROCESO-Vulneraci\u00f3n por no actualizaci\u00f3n de hoja de vida \u00a0 Es necesario incluir en la hoja de vida no solo el resultado (declaratoria de insubsistencia) sino las razones que llevaron a la determinaci\u00f3n del nominador. Se deben rese\u00f1ar la totalidad de las causas \u00a0que llevaron al ...<br \/><div class=\"pt-cv-rmwrap\"><a href=\"https:\/\/www.dmsjuridica.com\/buscador_20179478954\/corteconstitucionalcronologico202454587\/t-395-03\/\" class=\"_self pt-cv-readmore btn btn-success\" target=\"_self\">Ver Sentencia Completa...<\/a><\/div><\/div><\/div><\/div>\n<div class=\"col-md-12 col-sm-12 col-xs-12 pt-cv-content-item pt-cv-1-col\" ><div class='pt-cv-ifield'><a href=\"https:\/\/www.dmsjuridica.com\/buscador_20179478954\/corteconstitucionalcronologico202454587\/t-394-03\/\" class=\"_self pt-cv-href-thumbnail pt-cv-thumb-default\" target=\"_self\" ><\/a>\n<div class=\"pt-cv-taxoterm above_title\"><a href='https:\/\/www.dmsjuridica.com\/buscador_20179478954\/corteconstitucionalcronologico202454587\/category\/buscar-en-toda-la-corte\/2003\/tutelas-2003\/' title='Tutelas 2003' class='pt-cv-tax-tutelas-2003'>Tutelas 2003<\/a><\/div>\n<h4 class=\"pt-cv-title\"><a href=\"https:\/\/www.dmsjuridica.com\/buscador_20179478954\/corteconstitucionalcronologico202454587\/t-394-03\/\" class=\"_self\" target=\"_self\" >T-394-03<\/a><\/h4>\n<div class=\"pt-cv-content\">\u00a0 \u00a0 {p} \u00a0 \u00a0 \u00a0 \u00a0 \u00a0 \u00a0 \u00a0 \u00a0 \u00a0 \u00a0 \u00a0 \u00a0 \u00a0 \u00a0 \u00a0 \u00a0 \u00a0 \u00a0 \u00a0 \u00a0 \u00a0 \u00a0 \u00a0 \u00a0 \u00a0 \u00a0 \u00a0 \u00a0 \u00a0 \u00a0 \u00a0 \u00a0 \u00a0 \u00a0 \u00a0 \u00a0 \u00a0 \u00a0 \u00a0 \u00a0 \u00a0 \u00a0 \u00a0 \u00a0 \u00a0 \u00a0 \u00a0 \u00a0 \u00a0 \u00a0 \u00a0 \u00a0 \u00a0 \u00a0 \u00a0 \u00a0 \u00a0 \u00a0 \u00a0 \u00a0 \u00a0 \u00a0 \u00a0 \u00a0 \u00a0 \u00a0 \u00a0 \u00a0 \u00a0 \u00a0 \u00a0 \u00a0 \u00a0 \u00a0\u00a0 \u00a0 Sentencia T-394\/03 \u00a0 REGLAMENTO UNIVERSITARIO-Obligatoriedad para comunidad educativa\/DERECHO A LA EDUCACI\u00d3N-Formalizaci\u00f3n de matr\u00edcula de acuerdo al cumplimiento de requisitos se\u00f1alados en el ...<br \/><div class=\"pt-cv-rmwrap\"><a href=\"https:\/\/www.dmsjuridica.com\/buscador_20179478954\/corteconstitucionalcronologico202454587\/t-394-03\/\" class=\"_self pt-cv-readmore btn btn-success\" target=\"_self\">Ver Sentencia Completa...<\/a><\/div><\/div><\/div><\/div>\n<div class=\"col-md-12 col-sm-12 col-xs-12 pt-cv-content-item pt-cv-1-col\" ><div class='pt-cv-ifield'><a href=\"https:\/\/www.dmsjuridica.com\/buscador_20179478954\/corteconstitucionalcronologico202454587\/t-393-03\/\" class=\"_self pt-cv-href-thumbnail pt-cv-thumb-default\" target=\"_self\" ><\/a>\n<div class=\"pt-cv-taxoterm above_title\"><a href='https:\/\/www.dmsjuridica.com\/buscador_20179478954\/corteconstitucionalcronologico202454587\/category\/buscar-en-toda-la-corte\/2003\/tutelas-2003\/' title='Tutelas 2003' class='pt-cv-tax-tutelas-2003'>Tutelas 2003<\/a><\/div>\n<h4 class=\"pt-cv-title\"><a href=\"https:\/\/www.dmsjuridica.com\/buscador_20179478954\/corteconstitucionalcronologico202454587\/t-393-03\/\" class=\"_self\" target=\"_self\" >T-393-03<\/a><\/h4>\n<div class=\"pt-cv-content\">\u00a0 \u00a0 \u00a0\u00a0 Sentencia T-393\/03 \u00a0 DERECHO A LA SALUD-Pr\u00e1ctica de cirug\u00eda sin cumplir periodo m\u00ednimo de cotizaci\u00f3n\u00a0 \u00a0 DERECHO A LA SALUD-Prueba de la incapacidad econ\u00f3mica para asumir costo de cirug\u00eda \u00a0 En relaci\u00f3n con el caso concreto, respecto de que no est\u00e1 demostrada la falta de recursos econ\u00f3micos, hay que se\u00f1alar que no obstante esta circunstancia : Existe la afirmaci\u00f3n realizada por la accionante sobre los escasos recursos econ\u00f3micos, en el escrito de tutela, acci\u00f3n que fue presentada bajo juramento. Esta afirmaci\u00f3n no fue controvertida por la demandada EPS COOMEVA dentro del proceso de tutela. Si la condici\u00f3n ...<br \/><div class=\"pt-cv-rmwrap\"><a href=\"https:\/\/www.dmsjuridica.com\/buscador_20179478954\/corteconstitucionalcronologico202454587\/t-393-03\/\" class=\"_self pt-cv-readmore btn btn-success\" target=\"_self\">Ver Sentencia Completa...<\/a><\/div><\/div><\/div><\/div>\n<div class=\"col-md-12 col-sm-12 col-xs-12 pt-cv-content-item pt-cv-1-col\" ><div class='pt-cv-ifield'><a href=\"https:\/\/www.dmsjuridica.com\/buscador_20179478954\/corteconstitucionalcronologico202454587\/t-392-03\/\" class=\"_self pt-cv-href-thumbnail pt-cv-thumb-default\" target=\"_self\" ><\/a>\n<div class=\"pt-cv-taxoterm above_title\"><a href='https:\/\/www.dmsjuridica.com\/buscador_20179478954\/corteconstitucionalcronologico202454587\/category\/buscar-en-toda-la-corte\/2003\/tutelas-2003\/' title='Tutelas 2003' class='pt-cv-tax-tutelas-2003'>Tutelas 2003<\/a><\/div>\n<h4 class=\"pt-cv-title\"><a href=\"https:\/\/www.dmsjuridica.com\/buscador_20179478954\/corteconstitucionalcronologico202454587\/t-392-03\/\" class=\"_self\" target=\"_self\" >T-392-03<\/a><\/h4>\n<div class=\"pt-cv-content\">\u00a0 \u00a0 Sentencia T-392\/03 \u00a0 DERECHO DE PETICION-Alcance \u00a0 DERECHO DE PETICION-N\u00facleo esencial \u00a0 DERECHO DE PETICION-T\u00e9rmino para resolver reconocimiento y pago de pensiones\/PENSION DE JUBILACION-T\u00e9rmino de seis meses para tr\u00e1mite y pago \u00a0 DERECHO DE PETICION-Resoluci\u00f3n oportuna y de fondo \u00a0 Reiteraci\u00f3n de Jurisprudencia \u00a0 Referencia: expediente T-690442 \u00a0 Acci\u00f3n de tutela instaurada por Marleny Hurtado Alvarez contra la Caja Nacional de Previsi\u00f3n Social CAJANAL. \u00a0 Magistrada Ponente: \u00a0Dra. CLARA IN\u00c9S VARGAS HERN\u00c1NDEZ \u00a0 Bogot\u00e1, D.C., catorce (14) de mayo de dos mil tres (2003). \u00a0 SENTENCIA \u00a0 dentro del proceso de revisi\u00f3n del fallo proferido por el Juzgado ...<br \/><div class=\"pt-cv-rmwrap\"><a href=\"https:\/\/www.dmsjuridica.com\/buscador_20179478954\/corteconstitucionalcronologico202454587\/t-392-03\/\" class=\"_self pt-cv-readmore btn btn-success\" target=\"_self\">Ver Sentencia Completa...<\/a><\/div><\/div><\/div><\/div>\n<div class=\"col-md-12 col-sm-12 col-xs-12 pt-cv-content-item pt-cv-1-col\" ><div class='pt-cv-ifield'><a href=\"https:\/\/www.dmsjuridica.com\/buscador_20179478954\/corteconstitucionalcronologico202454587\/t-391-03\/\" class=\"_self pt-cv-href-thumbnail pt-cv-thumb-default\" target=\"_self\" ><\/a>\n<div class=\"pt-cv-taxoterm above_title\"><a href='https:\/\/www.dmsjuridica.com\/buscador_20179478954\/corteconstitucionalcronologico202454587\/category\/buscar-en-toda-la-corte\/2003\/tutelas-2003\/' title='Tutelas 2003' class='pt-cv-tax-tutelas-2003'>Tutelas 2003<\/a><\/div>\n<h4 class=\"pt-cv-title\"><a href=\"https:\/\/www.dmsjuridica.com\/buscador_20179478954\/corteconstitucionalcronologico202454587\/t-391-03\/\" class=\"_self\" target=\"_self\" >T-391-03<\/a><\/h4>\n<div class=\"pt-cv-content\">\u00a0 \u00a0 Sentencia T-391\/03 \u00a0 ESCUELA NAVAL-Naturaleza jur\u00eddica \u00a0 ACCION DE TUTELA-Factor temporal determinante para excluir medio de defensa judicial \u00a0 De existir la violaci\u00f3n alegada, el peticionario ver\u00eda truncada su posibilidad de obtener el grado de oficial de la Armada en la \u00fanica instituci\u00f3n en que podr\u00eda hacerlo, pues el factor temporal constituir\u00eda en este caso espec\u00edfico y a diferencia de lo que ocurre en muchos otros, un factor determinante para excluir el otro mecanismo de defensa, todo ello en virtud de la plena realizaci\u00f3n de su proyecto de vida. \u00a0 ACCION DE TUTELA-Controversia sobre sanci\u00f3n disciplinaria cuando se ...<br \/><div class=\"pt-cv-rmwrap\"><a href=\"https:\/\/www.dmsjuridica.com\/buscador_20179478954\/corteconstitucionalcronologico202454587\/t-391-03\/\" class=\"_self pt-cv-readmore btn btn-success\" target=\"_self\">Ver Sentencia Completa...<\/a><\/div><\/div><\/div><\/div>\n<div class=\"col-md-12 col-sm-12 col-xs-12 pt-cv-content-item pt-cv-1-col\" ><div class='pt-cv-ifield'><a href=\"https:\/\/www.dmsjuridica.com\/buscador_20179478954\/corteconstitucionalcronologico202454587\/t-390-03\/\" class=\"_self pt-cv-href-thumbnail pt-cv-thumb-default\" target=\"_self\" ><\/a>\n<div class=\"pt-cv-taxoterm above_title\"><a href='https:\/\/www.dmsjuridica.com\/buscador_20179478954\/corteconstitucionalcronologico202454587\/category\/buscar-en-toda-la-corte\/2003\/tutelas-2003\/' title='Tutelas 2003' class='pt-cv-tax-tutelas-2003'>Tutelas 2003<\/a><\/div>\n<h4 class=\"pt-cv-title\"><a href=\"https:\/\/www.dmsjuridica.com\/buscador_20179478954\/corteconstitucionalcronologico202454587\/t-390-03\/\" class=\"_self\" target=\"_self\" >T-390-03<\/a><\/h4>\n<div class=\"pt-cv-content\">\u00a0 \u00a0 Sentencia T-390\/03 \u00a0 ACCION DE TUTELA-Procedencia excepcional pago de mesadas pensionales\/DERECHO AL MINIMO VITAL DEL PENSIONADO-Pago oportuno de mesadas \u00a0 EMPLEADOR-Situaci\u00f3n econ\u00f3mica o presupuestal no es \u00f3bice para desconocer pago de mesadas pensionales \u00a0 Reiteraci\u00f3n de Jurisprudencia \u00a0 Referencia: expediente T-708304 \u00a0 Acci\u00f3n de tutela instaurada por Antonio Jos\u00e9 Garrido Anillo contra el Municipio de Monter\u00eda. \u00a0 Magistrado Ponente: \u00a0 Dr. MANUEL JOS\u00c9 CEPEDA ESPINOSA \u00a0 Bogot\u00e1, D.C., catorce (14) de mayo de dos mil tres (2003). \u00a0 La Sala Tercera de Revisi\u00f3n de la Corte Constitucional, en ejercicio de sus competencias constitucionales y legales, en particular las ...<br \/><div class=\"pt-cv-rmwrap\"><a href=\"https:\/\/www.dmsjuridica.com\/buscador_20179478954\/corteconstitucionalcronologico202454587\/t-390-03\/\" class=\"_self pt-cv-readmore btn btn-success\" target=\"_self\">Ver Sentencia Completa...<\/a><\/div><\/div><\/div><\/div>\n<div class=\"col-md-12 col-sm-12 col-xs-12 pt-cv-content-item pt-cv-1-col\" ><div class='pt-cv-ifield'><a href=\"https:\/\/www.dmsjuridica.com\/buscador_20179478954\/corteconstitucionalcronologico202454587\/t-389-03\/\" class=\"_self pt-cv-href-thumbnail pt-cv-thumb-default\" target=\"_self\" ><\/a>\n<div class=\"pt-cv-taxoterm above_title\"><a href='https:\/\/www.dmsjuridica.com\/buscador_20179478954\/corteconstitucionalcronologico202454587\/category\/buscar-en-toda-la-corte\/2003\/tutelas-2003\/' title='Tutelas 2003' class='pt-cv-tax-tutelas-2003'>Tutelas 2003<\/a><\/div>\n<h4 class=\"pt-cv-title\"><a href=\"https:\/\/www.dmsjuridica.com\/buscador_20179478954\/corteconstitucionalcronologico202454587\/t-389-03\/\" class=\"_self\" target=\"_self\" >T-389-03<\/a><\/h4>\n<div class=\"pt-cv-content\">\u00a0 \u00a0 \u00a0\u00a0 Sentencia T-389\/03 \u00a0 PRINCIPIO DE LEGALIDAD DEL GASTO PUBLICO-Disponibilidad presupuestal\/DERECHO DE PETICION-Falta de disponibilidad presupuestal no excusa deber de contestar \u00a0 En punto al requisito de disponibilidad presupuestal como condici\u00f3n previa al reconocimiento, liquidaci\u00f3n y pago de la prima t\u00e9cnica, la Corte Constitucional ha dicho que esta exigencia es un desarrollo del principio de legalidad del gasto p\u00fablico. La jurisprudencia de esta Corporaci\u00f3n ha reiterado que no debe producirse erogaci\u00f3n alguna de parte del Estado con cargo al tesoro p\u00fablico si no existe la correspondiente provisi\u00f3n presupuestal, pero \u00e9sta prohibici\u00f3n no impide que la administraci\u00f3n responda a ...<br \/><div class=\"pt-cv-rmwrap\"><a href=\"https:\/\/www.dmsjuridica.com\/buscador_20179478954\/corteconstitucionalcronologico202454587\/t-389-03\/\" class=\"_self pt-cv-readmore btn btn-success\" target=\"_self\">Ver Sentencia Completa...<\/a><\/div><\/div><\/div><\/div>\n<div class=\"col-md-12 col-sm-12 col-xs-12 pt-cv-content-item pt-cv-1-col\" ><div class='pt-cv-ifield'><a href=\"https:\/\/www.dmsjuridica.com\/buscador_20179478954\/corteconstitucionalcronologico202454587\/t-388-03\/\" class=\"_self pt-cv-href-thumbnail pt-cv-thumb-default\" target=\"_self\" ><\/a>\n<div class=\"pt-cv-taxoterm above_title\"><a href='https:\/\/www.dmsjuridica.com\/buscador_20179478954\/corteconstitucionalcronologico202454587\/category\/buscar-en-toda-la-corte\/2003\/tutelas-2003\/' title='Tutelas 2003' class='pt-cv-tax-tutelas-2003'>Tutelas 2003<\/a><\/div>\n<h4 class=\"pt-cv-title\"><a href=\"https:\/\/www.dmsjuridica.com\/buscador_20179478954\/corteconstitucionalcronologico202454587\/t-388-03\/\" class=\"_self\" target=\"_self\" >T-388-03<\/a><\/h4>\n<div class=\"pt-cv-content\">\u00a0 \u00a0 Sentencia T-388\/03 \u00a0 DERECHO A LA SALUD DEL NI\u00d1O-Suministro de medicamento comercial ordenado por el m\u00e9dico y no el gen\u00e9rico, por la ARS \u00a0 Reiteraci\u00f3n de Jurisprudencia \u00a0 Referencia: Expediente T-679500 \u00a0 Acci\u00f3n de tutela instaurada por Jos\u00e9 Ricaurte Le\u00f3n Morales contra EMSSANAR, ESS \u00a0 Magistrado Ponente: \u00a0 Dr. MANUEL JOS\u00c9 CEPEDA ESPINOSA \u00a0 Bogot\u00e1, D.C., catorce (14) de mayo de dos mil tres (2003). \u00a0 La Sala Tercera de Revisi\u00f3n de la Corte Constitucional, en ejercicio de sus competencias constitucionales y legales, en particular las contenidas en los art\u00edculos 86 y 241, numeral 9, de la Constituci\u00f3n ...<br \/><div class=\"pt-cv-rmwrap\"><a href=\"https:\/\/www.dmsjuridica.com\/buscador_20179478954\/corteconstitucionalcronologico202454587\/t-388-03\/\" class=\"_self pt-cv-readmore btn btn-success\" target=\"_self\">Ver Sentencia Completa...<\/a><\/div><\/div><\/div><\/div>\n<div class=\"col-md-12 col-sm-12 col-xs-12 pt-cv-content-item pt-cv-1-col\" ><div class='pt-cv-ifield'><a href=\"https:\/\/www.dmsjuridica.com\/buscador_20179478954\/corteconstitucionalcronologico202454587\/t-387-03\/\" class=\"_self pt-cv-href-thumbnail pt-cv-thumb-default\" target=\"_self\" ><\/a>\n<div class=\"pt-cv-taxoterm above_title\"><a href='https:\/\/www.dmsjuridica.com\/buscador_20179478954\/corteconstitucionalcronologico202454587\/category\/buscar-en-toda-la-corte\/2003\/tutelas-2003\/' title='Tutelas 2003' class='pt-cv-tax-tutelas-2003'>Tutelas 2003<\/a><\/div>\n<h4 class=\"pt-cv-title\"><a href=\"https:\/\/www.dmsjuridica.com\/buscador_20179478954\/corteconstitucionalcronologico202454587\/t-387-03\/\" class=\"_self\" target=\"_self\" >T-387-03<\/a><\/h4>\n<div class=\"pt-cv-content\">\u00a0 \u00a0 Sentencia T-387\/03 \u00a0 PRESTACIONES SOCIALES DE DIPUTADOS-R\u00e9gimen legal y constitucional \u00a0 VIA DE HECHO-Inexistencia por aplicaci\u00f3n indebida de la ley\/PENSION DE INVALIDEZ DE DIPUTADO-Aplicaci\u00f3n de ley 100 de 1993 \u00a0 No existe v\u00eda de hecho por aplicaci\u00f3n indebida de la ley como lo asegura el actor; por el contrario, se dio por parte de las autoridades demandadas correcta aplicaci\u00f3n a la legislaci\u00f3n que contempla el r\u00e9gimen pensional de los diputados. Puesto que la legislaci\u00f3n aplicable al momento de configurarse su estado de invalidez, -el 30 de mayo de 2000-, es la Ley 100 de 1993 y no la ...<br \/><div class=\"pt-cv-rmwrap\"><a href=\"https:\/\/www.dmsjuridica.com\/buscador_20179478954\/corteconstitucionalcronologico202454587\/t-387-03\/\" class=\"_self pt-cv-readmore btn btn-success\" target=\"_self\">Ver Sentencia Completa...<\/a><\/div><\/div><\/div><\/div>\n<div class=\"col-md-12 col-sm-12 col-xs-12 pt-cv-content-item pt-cv-1-col\" ><div class='pt-cv-ifield'><a href=\"https:\/\/www.dmsjuridica.com\/buscador_20179478954\/corteconstitucionalcronologico202454587\/t-386-03\/\" class=\"_self pt-cv-href-thumbnail pt-cv-thumb-default\" target=\"_self\" ><\/a>\n<div class=\"pt-cv-taxoterm above_title\"><a href='https:\/\/www.dmsjuridica.com\/buscador_20179478954\/corteconstitucionalcronologico202454587\/category\/buscar-en-toda-la-corte\/2003\/tutelas-2003\/' title='Tutelas 2003' class='pt-cv-tax-tutelas-2003'>Tutelas 2003<\/a><\/div>\n<h4 class=\"pt-cv-title\"><a href=\"https:\/\/www.dmsjuridica.com\/buscador_20179478954\/corteconstitucionalcronologico202454587\/t-386-03\/\" class=\"_self\" target=\"_self\" >T-386-03<\/a><\/h4>\n<div class=\"pt-cv-content\">\u00a0 \u00a0 Sentencia T-386\/03 \u00a0 LICENCIA DE MATERNIDAD-Pago por allanamiento a la mora por EPS\/ACCION DE TUTELA-Inmediatez \u00a0 En el caso sub ex\u00e1mine se evidencia que la acci\u00f3n de tutela se interpuso el 3 de octubre de 2002, fecha para la cual ya hab\u00eda expirado el tiempo de la licencia de maternidad. Seg\u00fan consta en el expediente (folio 34) aquella inici\u00f3 el 25 de marzo de 2002. As\u00ed las cosas, se est\u00e1 ante un perjuicio causado que hace improcedente el amparo invocado. Sin embargo, ello no se opone a que el pago de esta prestaci\u00f3n econ\u00f3mica se exija ante la ...<br \/><div class=\"pt-cv-rmwrap\"><a href=\"https:\/\/www.dmsjuridica.com\/buscador_20179478954\/corteconstitucionalcronologico202454587\/t-386-03\/\" class=\"_self pt-cv-readmore btn btn-success\" target=\"_self\">Ver Sentencia Completa...<\/a><\/div><\/div><\/div><\/div>\n<div class=\"col-md-12 col-sm-12 col-xs-12 pt-cv-content-item pt-cv-1-col\" ><div class='pt-cv-ifield'><a href=\"https:\/\/www.dmsjuridica.com\/buscador_20179478954\/corteconstitucionalcronologico202454587\/t-382-03\/\" class=\"_self pt-cv-href-thumbnail pt-cv-thumb-default\" target=\"_self\" ><\/a>\n<div class=\"pt-cv-taxoterm above_title\"><a href='https:\/\/www.dmsjuridica.com\/buscador_20179478954\/corteconstitucionalcronologico202454587\/category\/buscar-en-toda-la-corte\/2003\/tutelas-2003\/' title='Tutelas 2003' class='pt-cv-tax-tutelas-2003'>Tutelas 2003<\/a><\/div>\n<h4 class=\"pt-cv-title\"><a href=\"https:\/\/www.dmsjuridica.com\/buscador_20179478954\/corteconstitucionalcronologico202454587\/t-382-03\/\" class=\"_self\" target=\"_self\" >T-382-03<\/a><\/h4>\n<div class=\"pt-cv-content\">\u00a0 \u00a0 Sentencia T-382\/03 \u00a0 ACCION DE TUTELA CONTRA PROVIDENCIAS JUDICIALES-Procedencia excepcional por v\u00eda de hecho judicial \u00a0 VIA DE HECHO-Clases de defectos en la actuaci\u00f3n\u00a0 \u00a0 VIA DE HECHO-Defecto f\u00e1ctico \u00a0 VIA DE HECHO-Falta de consideraci\u00f3n de medio probatorio que determina sentido del fallo \u00a0 POSESION-Oposici\u00f3n a la entrega del bien \u00a0 VIA DE HECHO-Pruebas sobre la posesi\u00f3n del bien por el demandante no se tuvieron en cuenta \u00a0 \u00a0 Referencia: expediente T-689802 \u00a0 Magistrada Ponente: \u00a0 Dra. CLARA IN\u00c9S VARGAS HERN\u00c1NDEZ \u00a0 Bogot\u00e1, \u00a0D. C., nueve (9) de mayo de dos mil tres (2003). \u00a0 La Sala Novena ...<br \/><div class=\"pt-cv-rmwrap\"><a href=\"https:\/\/www.dmsjuridica.com\/buscador_20179478954\/corteconstitucionalcronologico202454587\/t-382-03\/\" class=\"_self pt-cv-readmore btn btn-success\" target=\"_self\">Ver Sentencia Completa...<\/a><\/div><\/div><\/div><\/div>\n<div class=\"col-md-12 col-sm-12 col-xs-12 pt-cv-content-item pt-cv-1-col\" ><div class='pt-cv-ifield'><a href=\"https:\/\/www.dmsjuridica.com\/buscador_20179478954\/corteconstitucionalcronologico202454587\/t-381-03\/\" class=\"_self pt-cv-href-thumbnail pt-cv-thumb-default\" target=\"_self\" ><\/a>\n<div class=\"pt-cv-taxoterm above_title\"><a href='https:\/\/www.dmsjuridica.com\/buscador_20179478954\/corteconstitucionalcronologico202454587\/category\/buscar-en-toda-la-corte\/2003\/tutelas-2003\/' title='Tutelas 2003' class='pt-cv-tax-tutelas-2003'>Tutelas 2003<\/a><\/div>\n<h4 class=\"pt-cv-title\"><a href=\"https:\/\/www.dmsjuridica.com\/buscador_20179478954\/corteconstitucionalcronologico202454587\/t-381-03\/\" class=\"_self\" target=\"_self\" >T-381-03<\/a><\/h4>\n<div class=\"pt-cv-content\">\u00a0 \u00a0 Sentencia T-381\/03 \u00a0 ACCION DE TUTELA-Hecho superado \u00a0 DERECHO A LA EDUCACION-Funci\u00f3n social\/DERECHO A LA EDUCACI\u00d3N-No admite restricciones injustificables \u00a0 ACCION DE TUTELA-Protecci\u00f3n de derechos no alegados por el actor\/PREVALENCIA DEL DERECHO SUSTANCIAL-Omisi\u00f3n de mencionar todos los derechos vulnerados \u00a0 Reiteraci\u00f3n de jurisprudencia \u00a0 Referencia: expediente T-688547 \u00a0 Acci\u00f3n de tutela instaurada por Jorge Ellery Lerma Agudelo contra la Secretar\u00eda de Educaci\u00f3n del Valle del Cauca. \u00a0 Magistrada Ponente: \u00a0 Dra. CLARA IN\u00c9S VARGAS HERN\u00c1NDEZ \u00a0 Bogot\u00e1 D.C., nueve (9) de mayo de dos mil tres (2003). \u00a0 La Sala Novena de Revisi\u00f3n de la Corte Constitucional, integrada ...<br \/><div class=\"pt-cv-rmwrap\"><a href=\"https:\/\/www.dmsjuridica.com\/buscador_20179478954\/corteconstitucionalcronologico202454587\/t-381-03\/\" class=\"_self pt-cv-readmore btn btn-success\" target=\"_self\">Ver Sentencia Completa...<\/a><\/div><\/div><\/div><\/div>\n<div class=\"col-md-12 col-sm-12 col-xs-12 pt-cv-content-item pt-cv-1-col\" ><div class='pt-cv-ifield'><a href=\"https:\/\/www.dmsjuridica.com\/buscador_20179478954\/corteconstitucionalcronologico202454587\/t-380-03\/\" class=\"_self pt-cv-href-thumbnail pt-cv-thumb-default\" target=\"_self\" ><\/a>\n<div class=\"pt-cv-taxoterm above_title\"><a href='https:\/\/www.dmsjuridica.com\/buscador_20179478954\/corteconstitucionalcronologico202454587\/category\/buscar-en-toda-la-corte\/2003\/tutelas-2003\/' title='Tutelas 2003' class='pt-cv-tax-tutelas-2003'>Tutelas 2003<\/a><\/div>\n<h4 class=\"pt-cv-title\"><a href=\"https:\/\/www.dmsjuridica.com\/buscador_20179478954\/corteconstitucionalcronologico202454587\/t-380-03\/\" class=\"_self\" target=\"_self\" >T-380-03<\/a><\/h4>\n<div class=\"pt-cv-content\">\u00a0 \u00a0 Sentencia T-380\/03 \u00a0 AUTONOMIA UNIVERSITARIA-Finalidad \u00a0 AUTONOMIA UNIVERSITARIA-No es absoluta \u00a0 AUTONOMIA UNIVERSITARIA-L\u00edmites \u00a0 DERECHO A LA EDUCACION-Fundamental \u00a0 DERECHO A LA EDUCACION-Caracter\u00edsticas esenciales \u00a0 EDUCACION-Derecho deber \u00a0 Se entiende que se lesiona el desarrollo del derecho fundamental a la educaci\u00f3n, cuando un centro de educaci\u00f3n superior coloca trabas injustificadas para que el alumno pueda recibir la formaci\u00f3n acad\u00e9mica que requiere o aunque bas\u00e1ndose en los reglamentos \u00a0internos, no se le brindan al estudiante las garant\u00edas necesarias para que permanezca en el proceso de aprendizaje, sin observar las condiciones particulares de cada educando, circunstancias que no se pueden ...<br \/><div class=\"pt-cv-rmwrap\"><a href=\"https:\/\/www.dmsjuridica.com\/buscador_20179478954\/corteconstitucionalcronologico202454587\/t-380-03\/\" class=\"_self pt-cv-readmore btn btn-success\" target=\"_self\">Ver Sentencia Completa...<\/a><\/div><\/div><\/div><\/div>\n<div class=\"col-md-12 col-sm-12 col-xs-12 pt-cv-content-item pt-cv-1-col\" ><div class='pt-cv-ifield'><a href=\"https:\/\/www.dmsjuridica.com\/buscador_20179478954\/corteconstitucionalcronologico202454587\/t-379-03\/\" class=\"_self pt-cv-href-thumbnail pt-cv-thumb-default\" target=\"_self\" ><\/a>\n<div class=\"pt-cv-taxoterm above_title\"><a href='https:\/\/www.dmsjuridica.com\/buscador_20179478954\/corteconstitucionalcronologico202454587\/category\/buscar-en-toda-la-corte\/2003\/tutelas-2003\/' title='Tutelas 2003' class='pt-cv-tax-tutelas-2003'>Tutelas 2003<\/a><\/div>\n<h4 class=\"pt-cv-title\"><a href=\"https:\/\/www.dmsjuridica.com\/buscador_20179478954\/corteconstitucionalcronologico202454587\/t-379-03\/\" class=\"_self\" target=\"_self\" >T-379-03<\/a><\/h4>\n<div class=\"pt-cv-content\">\u00a0 \u00a0 Sentencia T-379\/03 \u00a0 ADMINISTRADORA DEL REGIMEN SUBSIDIADO-Decisi\u00f3n de traslado por parte de comunidad ind\u00edgena \u00a0 COMUNIDAD INDIGENA-Autonom\u00eda\/DERECHO A LA INTEGRIDAD ETNICA Y CULTURAL DE COMUNIDAD IND\u00cdGENA-Fundamental \u00a0 El principio constitucional de diversidad \u00e9tnica y cultural (CP art. 7\u00b0) otorga a las comunidades ind\u00edgenas un status especial que se manifiesta en el ejercicio de facultades normativas y jurisdiccionales dentro de su \u00e1mbito territorial de acuerdo con sus valores culturales, \u00a0y conforme a lo dispuesto en la Constituci\u00f3n y la ley. Esta autonom\u00eda les confiere a dichas comunidades el derecho de gobernarse por autoridades propias seg\u00fan sus usos y costumbres, ...<br \/><div class=\"pt-cv-rmwrap\"><a href=\"https:\/\/www.dmsjuridica.com\/buscador_20179478954\/corteconstitucionalcronologico202454587\/t-379-03\/\" class=\"_self pt-cv-readmore btn btn-success\" target=\"_self\">Ver Sentencia Completa...<\/a><\/div><\/div><\/div><\/div>\n<div class=\"col-md-12 col-sm-12 col-xs-12 pt-cv-content-item pt-cv-1-col\" ><div class='pt-cv-ifield'><a href=\"https:\/\/www.dmsjuridica.com\/buscador_20179478954\/corteconstitucionalcronologico202454587\/t-378-03\/\" class=\"_self pt-cv-href-thumbnail pt-cv-thumb-default\" target=\"_self\" ><\/a>\n<div class=\"pt-cv-taxoterm above_title\"><a href='https:\/\/www.dmsjuridica.com\/buscador_20179478954\/corteconstitucionalcronologico202454587\/category\/buscar-en-toda-la-corte\/2003\/tutelas-2003\/' title='Tutelas 2003' class='pt-cv-tax-tutelas-2003'>Tutelas 2003<\/a><\/div>\n<h4 class=\"pt-cv-title\"><a href=\"https:\/\/www.dmsjuridica.com\/buscador_20179478954\/corteconstitucionalcronologico202454587\/t-378-03\/\" class=\"_self\" target=\"_self\" >T-378-03<\/a><\/h4>\n<div class=\"pt-cv-content\">\u00a0 \u00a0 Sentencia T-378\/03 \u00a0 SISTEMA DE CARRERA-Finalidad esencial \u00a0 CARRERA JUDICIAL-Finalidad \u00a0 CARRERA JUDICIAL-M\u00e9rito como elemento esencial \u00a0 SISTEMA DE CARRERA-Evaluaci\u00f3n del desempe\u00f1o \u00a0 Uno de los componentes del sistema de carrera es la evaluaci\u00f3n del desempe\u00f1o, cuyos objetivos son garantizar el cumplimiento eficiente y oportuno de las funciones y servicios p\u00fablicos, en atenci\u00f3n a los fines esenciales del Estado, y fomentar el desarrollo integral del servidor p\u00fablico. Estos prop\u00f3sitos lo caracterizan como un mecanismo dinamizador de mejoramiento institucional y del personal vinculado con las entidades estatales. El objeto de evaluaci\u00f3n lo constituyen la eficiencia y la eficacia del ...<br \/><div class=\"pt-cv-rmwrap\"><a href=\"https:\/\/www.dmsjuridica.com\/buscador_20179478954\/corteconstitucionalcronologico202454587\/t-378-03\/\" class=\"_self pt-cv-readmore btn btn-success\" target=\"_self\">Ver Sentencia Completa...<\/a><\/div><\/div><\/div><\/div>\n<div class=\"col-md-12 col-sm-12 col-xs-12 pt-cv-content-item pt-cv-1-col\" ><div class='pt-cv-ifield'><a href=\"https:\/\/www.dmsjuridica.com\/buscador_20179478954\/corteconstitucionalcronologico202454587\/t-377-03\/\" class=\"_self pt-cv-href-thumbnail pt-cv-thumb-default\" target=\"_self\" ><\/a>\n<div class=\"pt-cv-taxoterm above_title\"><a href='https:\/\/www.dmsjuridica.com\/buscador_20179478954\/corteconstitucionalcronologico202454587\/category\/buscar-en-toda-la-corte\/2003\/tutelas-2003\/' title='Tutelas 2003' class='pt-cv-tax-tutelas-2003'>Tutelas 2003<\/a><\/div>\n<h4 class=\"pt-cv-title\"><a href=\"https:\/\/www.dmsjuridica.com\/buscador_20179478954\/corteconstitucionalcronologico202454587\/t-377-03\/\" class=\"_self\" target=\"_self\" >T-377-03<\/a><\/h4>\n<div class=\"pt-cv-content\">\u00a0 \u00a0 Sentencia T-377\/03 \u00a0 TRASLADO Y TRASLADO POR PERMUTA-Diferencias \u00a0 En otros t\u00e9rminos, el traslado es una figura jur\u00eddica diferente del traslado por permuta. Su distinci\u00f3n, aunque sutil, permite deducir que el decreto en referencia no era vinculante para decidir la petici\u00f3n formulada por la actora. As\u00ed, mientras que en el primer evento, la entidad donde labora el docente trasladado ve reducido el n\u00famero de empleados que cumplen sus funciones, en cuanto el empleo que desempe\u00f1a el funcionario trasladado queda vacante, en el segundo caso, es decir en el traslado-permuta, ninguna de las dos entidades educativas ve reducido el ...<br \/><div class=\"pt-cv-rmwrap\"><a href=\"https:\/\/www.dmsjuridica.com\/buscador_20179478954\/corteconstitucionalcronologico202454587\/t-377-03\/\" class=\"_self pt-cv-readmore btn btn-success\" target=\"_self\">Ver Sentencia Completa...<\/a><\/div><\/div><\/div><\/div>\n<div class=\"col-md-12 col-sm-12 col-xs-12 pt-cv-content-item pt-cv-1-col\" ><div class='pt-cv-ifield'><a href=\"https:\/\/www.dmsjuridica.com\/buscador_20179478954\/corteconstitucionalcronologico202454587\/t-376-03\/\" class=\"_self pt-cv-href-thumbnail pt-cv-thumb-default\" target=\"_self\" ><\/a>\n<div class=\"pt-cv-taxoterm above_title\"><a href='https:\/\/www.dmsjuridica.com\/buscador_20179478954\/corteconstitucionalcronologico202454587\/category\/buscar-en-toda-la-corte\/2003\/tutelas-2003\/' title='Tutelas 2003' class='pt-cv-tax-tutelas-2003'>Tutelas 2003<\/a><\/div>\n<h4 class=\"pt-cv-title\"><a href=\"https:\/\/www.dmsjuridica.com\/buscador_20179478954\/corteconstitucionalcronologico202454587\/t-376-03\/\" class=\"_self\" target=\"_self\" >T-376-03<\/a><\/h4>\n<div class=\"pt-cv-content\">\u00a0 \u00a0 Sentencia T-376\/03 \u00a0 La Sala reitera la posici\u00f3n de la Corte en el sentido de calificar al examen de carga viral como un requisito necesario para el adecuado tratamiento de los pacientes afectados por el VIH, por lo que la acci\u00f3n de tutela es un mecanismo id\u00f3neo para obtener la pr\u00e1ctica de ese procedimiento. \u00a0Ello es as\u00ed porque, de no realizarse, se priva al personal m\u00e9dico que atiende al paciente de tener a su alcance la informaci\u00f3n m\u00ednima e indispensable para decidir la clase de tratamiento pertinente en cada caso, vulnerando con ello los derechos fundamentales de los ...<br \/><div class=\"pt-cv-rmwrap\"><a href=\"https:\/\/www.dmsjuridica.com\/buscador_20179478954\/corteconstitucionalcronologico202454587\/t-376-03\/\" class=\"_self pt-cv-readmore btn btn-success\" target=\"_self\">Ver Sentencia Completa...<\/a><\/div><\/div><\/div><\/div>\n<div class=\"col-md-12 col-sm-12 col-xs-12 pt-cv-content-item pt-cv-1-col\" ><div class='pt-cv-ifield'><a href=\"https:\/\/www.dmsjuridica.com\/buscador_20179478954\/corteconstitucionalcronologico202454587\/t-375-03\/\" class=\"_self pt-cv-href-thumbnail pt-cv-thumb-default\" target=\"_self\" ><\/a>\n<div class=\"pt-cv-taxoterm above_title\"><a href='https:\/\/www.dmsjuridica.com\/buscador_20179478954\/corteconstitucionalcronologico202454587\/category\/buscar-en-toda-la-corte\/2003\/tutelas-2003\/' title='Tutelas 2003' class='pt-cv-tax-tutelas-2003'>Tutelas 2003<\/a><\/div>\n<h4 class=\"pt-cv-title\"><a href=\"https:\/\/www.dmsjuridica.com\/buscador_20179478954\/corteconstitucionalcronologico202454587\/t-375-03\/\" class=\"_self\" target=\"_self\" >T-375-03<\/a><\/h4>\n<div class=\"pt-cv-content\">\u00a0 \u00a0 Sentencia T-375\/03 \u00a0 DERECHO DE PETICION-Alcance\/DERECHO DE PETICION-N\u00facleo esencial \u00a0 DERECHO DE PETICION-Solicitud de ascenso en el escalaf\u00f3n docente \u00a0 ENTIDADES TERRITORIALES-Competencia para inscripci\u00f3n y ascenso en el escalaf\u00f3n docente\/CARRERA DOCENTE-Antecedentes normativos para inscripci\u00f3n y ascenso en el escalaf\u00f3n \u00a0 ACCION DE TUTELA-Hecho superado por ascenso al escalaf\u00f3n docente \u00a0 Referencia: expediente T-688387 \u00a0 Acci\u00f3n de tutela instaurada por Luz Mar\u00eda Gonz\u00e1lez contra el Gobernador del Valle y el Secretario de Educaci\u00f3n Departamental. \u00a0 Magistrado Ponente: \u00a0 Dr. RODRIGO ESCOBAR GIL \u00a0 Bogot\u00e1, D.C., nueve (9) de mayo dos mil tres (2003). \u00a0 La Sala Quinta de Revisi\u00f3n ...<br \/><div class=\"pt-cv-rmwrap\"><a href=\"https:\/\/www.dmsjuridica.com\/buscador_20179478954\/corteconstitucionalcronologico202454587\/t-375-03\/\" class=\"_self pt-cv-readmore btn btn-success\" target=\"_self\">Ver Sentencia Completa...<\/a><\/div><\/div><\/div><\/div>\n<div class=\"col-md-12 col-sm-12 col-xs-12 pt-cv-content-item pt-cv-1-col\" ><div class='pt-cv-ifield'><a href=\"https:\/\/www.dmsjuridica.com\/buscador_20179478954\/corteconstitucionalcronologico202454587\/t-374-03\/\" class=\"_self pt-cv-href-thumbnail pt-cv-thumb-default\" target=\"_self\" ><\/a>\n<div class=\"pt-cv-taxoterm above_title\"><a href='https:\/\/www.dmsjuridica.com\/buscador_20179478954\/corteconstitucionalcronologico202454587\/category\/buscar-en-toda-la-corte\/2003\/tutelas-2003\/' title='Tutelas 2003' class='pt-cv-tax-tutelas-2003'>Tutelas 2003<\/a><\/div>\n<h4 class=\"pt-cv-title\"><a href=\"https:\/\/www.dmsjuridica.com\/buscador_20179478954\/corteconstitucionalcronologico202454587\/t-374-03\/\" class=\"_self\" target=\"_self\" >T-374-03<\/a><\/h4>\n<div class=\"pt-cv-content\">\u00a0 \u00a0 Sentencia T-374\/03 \u00a0 DERECHO A LA SALUD-Fundamental por conexidad con la vida\/DERECHO A LA SALUD DEL ENFERMO DE SIDA-Protecci\u00f3n \u00a0 SISBEN-Participantes vinculados\/DERECHO A LA SALUD DEL ENFERMO DE SIDA-Asignaci\u00f3n de cupo para acceder al r\u00e9gimen subsidiado de salud \u00a0 A pesar de ser consciente la Sala de que el accionante tiene todo el derecho a ser atendido como participante vinculado al sistema de salud, observa que la entidad accionada no ha vulnerado derecho alguno, en tanto el dise\u00f1o del Sistema Sisben, no le permite asignar libremente cupos para acceder al r\u00e9gimen subsidiado, con violaci\u00f3n de todo el tr\u00e1mite ...<br \/><div class=\"pt-cv-rmwrap\"><a href=\"https:\/\/www.dmsjuridica.com\/buscador_20179478954\/corteconstitucionalcronologico202454587\/t-374-03\/\" class=\"_self pt-cv-readmore btn btn-success\" target=\"_self\">Ver Sentencia Completa...<\/a><\/div><\/div><\/div><\/div>\n<div class=\"col-md-12 col-sm-12 col-xs-12 pt-cv-content-item pt-cv-1-col\" ><div class='pt-cv-ifield'><a href=\"https:\/\/www.dmsjuridica.com\/buscador_20179478954\/corteconstitucionalcronologico202454587\/t-373-03\/\" class=\"_self pt-cv-href-thumbnail pt-cv-thumb-default\" target=\"_self\" ><\/a>\n<div class=\"pt-cv-taxoterm above_title\"><a href='https:\/\/www.dmsjuridica.com\/buscador_20179478954\/corteconstitucionalcronologico202454587\/category\/buscar-en-toda-la-corte\/2003\/tutelas-2003\/' title='Tutelas 2003' class='pt-cv-tax-tutelas-2003'>Tutelas 2003<\/a><\/div>\n<h4 class=\"pt-cv-title\"><a href=\"https:\/\/www.dmsjuridica.com\/buscador_20179478954\/corteconstitucionalcronologico202454587\/t-373-03\/\" class=\"_self\" target=\"_self\" >T-373-03<\/a><\/h4>\n<div class=\"pt-cv-content\">\u00a0 \u00a0 Sentencia T-373\/03 \u00a0 ACCION DE TUTELA CONTRA CONAVI-No se ha establecido ilegitimidad en la conducta \u00a0 La actuaci\u00f3n de la entidad financiera demandada, al solicitar dentro de un proceso ejecutivo mixto el embargo del inmueble donde residen los menores mencionados, responde, en principio, a un derecho que la ley reconoce al acreedor de una obligaci\u00f3n para que pueda hacer efectivo su cr\u00e9dito en el evento de incumplimiento del deudor. La entidad demandada, mientras no se establezca lo contrario, ha actuado de manera leg\u00edtima, por cuanto acudi\u00f3 a la v\u00eda procesal prevista en la ley y que considera apta ...<br \/><div class=\"pt-cv-rmwrap\"><a href=\"https:\/\/www.dmsjuridica.com\/buscador_20179478954\/corteconstitucionalcronologico202454587\/t-373-03\/\" class=\"_self pt-cv-readmore btn btn-success\" target=\"_self\">Ver Sentencia Completa...<\/a><\/div><\/div><\/div><\/div>\n<div class=\"col-md-12 col-sm-12 col-xs-12 pt-cv-content-item pt-cv-1-col\" ><div class='pt-cv-ifield'><a href=\"https:\/\/www.dmsjuridica.com\/buscador_20179478954\/corteconstitucionalcronologico202454587\/t-372-03\/\" class=\"_self pt-cv-href-thumbnail pt-cv-thumb-default\" target=\"_self\" ><\/a>\n<div class=\"pt-cv-taxoterm above_title\"><a href='https:\/\/www.dmsjuridica.com\/buscador_20179478954\/corteconstitucionalcronologico202454587\/category\/buscar-en-toda-la-corte\/2003\/tutelas-2003\/' title='Tutelas 2003' class='pt-cv-tax-tutelas-2003'>Tutelas 2003<\/a><\/div>\n<h4 class=\"pt-cv-title\"><a href=\"https:\/\/www.dmsjuridica.com\/buscador_20179478954\/corteconstitucionalcronologico202454587\/t-372-03\/\" class=\"_self\" target=\"_self\" >T-372-03<\/a><\/h4>\n<div class=\"pt-cv-content\">\u00a0 \u00a0 Sentencia T-372\/03 \u00a0 DERECHO DE PETICION FRENTE AL SILENCIO ADMINISTRATIVO NEGATIVO-Deber de resolver la solicitud \u00a0 DERECHO DE PETICION FRENTE AL SILENCIO ADMINISTRATIVO NEGATIVO-Resoluci\u00f3n oportuna de recursos \u00a0 DERECHO DE PETICION EN VIA GUBERNATIVA-T\u00e9rmino para resolver recursos \u00a0 Para solucionar los recursos interpuestos que permitan agotar la v\u00eda gubernativa, debe ser aplicado el t\u00e9rmino de dos meses establecido en el art\u00edculo 60 del C\u00f3digo Contencioso Administrativo y, en caso de que, se haya elevado derecho de petici\u00f3n con el objeto de conocer el estado en que se encuentra el recurso interpuesto, se debe resolver dentro de los 15 ...<br \/><div class=\"pt-cv-rmwrap\"><a href=\"https:\/\/www.dmsjuridica.com\/buscador_20179478954\/corteconstitucionalcronologico202454587\/t-372-03\/\" class=\"_self pt-cv-readmore btn btn-success\" target=\"_self\">Ver Sentencia Completa...<\/a><\/div><\/div><\/div><\/div>\n<div class=\"col-md-12 col-sm-12 col-xs-12 pt-cv-content-item pt-cv-1-col\" ><div class='pt-cv-ifield'><a href=\"https:\/\/www.dmsjuridica.com\/buscador_20179478954\/corteconstitucionalcronologico202454587\/t-371-03\/\" class=\"_self pt-cv-href-thumbnail pt-cv-thumb-default\" target=\"_self\" ><\/a>\n<div class=\"pt-cv-taxoterm above_title\"><a href='https:\/\/www.dmsjuridica.com\/buscador_20179478954\/corteconstitucionalcronologico202454587\/category\/buscar-en-toda-la-corte\/2003\/tutelas-2003\/' title='Tutelas 2003' class='pt-cv-tax-tutelas-2003'>Tutelas 2003<\/a><\/div>\n<h4 class=\"pt-cv-title\"><a href=\"https:\/\/www.dmsjuridica.com\/buscador_20179478954\/corteconstitucionalcronologico202454587\/t-371-03\/\" class=\"_self\" target=\"_self\" >T-371-03<\/a><\/h4>\n<div class=\"pt-cv-content\">\u00a0 \u00a0 Sentencia T-371\/03 \u00a0 DERECHO A LA PENSION DE VEJEZ-Fundamental \u00a0 PENSION SANCION-Car\u00e1cter prestacional\/PENSION SANCION-Prestaci\u00f3n patronal \u00a0 La denominada \u201cpensi\u00f3n sanci\u00f3n\u201d no milita en favor de una posici\u00f3n distinta el hecho de que en la pr\u00e1ctica se trate de una prestaci\u00f3n patronal y no propiamente una a cargo del sistema general de seguridad social. Es claro que la denominada pensi\u00f3n sanci\u00f3n representa una carga econ\u00f3mica para el empleador que, sin importar las circunstancias en que se hace exigible, tiene como fin primordial cubrir el riesgo de vejez y, en consecuencia, la mora en su cancelaci\u00f3n puede comprometer los derechos ...<br \/><div class=\"pt-cv-rmwrap\"><a href=\"https:\/\/www.dmsjuridica.com\/buscador_20179478954\/corteconstitucionalcronologico202454587\/t-371-03\/\" class=\"_self pt-cv-readmore btn btn-success\" target=\"_self\">Ver Sentencia Completa...<\/a><\/div><\/div><\/div><\/div>\n<div class=\"col-md-12 col-sm-12 col-xs-12 pt-cv-content-item pt-cv-1-col\" ><div class='pt-cv-ifield'><a href=\"https:\/\/www.dmsjuridica.com\/buscador_20179478954\/corteconstitucionalcronologico202454587\/t-370-03\/\" class=\"_self pt-cv-href-thumbnail pt-cv-thumb-default\" target=\"_self\" ><\/a>\n<div class=\"pt-cv-taxoterm above_title\"><a href='https:\/\/www.dmsjuridica.com\/buscador_20179478954\/corteconstitucionalcronologico202454587\/category\/buscar-en-toda-la-corte\/2003\/tutelas-2003\/' title='Tutelas 2003' class='pt-cv-tax-tutelas-2003'>Tutelas 2003<\/a><\/div>\n<h4 class=\"pt-cv-title\"><a href=\"https:\/\/www.dmsjuridica.com\/buscador_20179478954\/corteconstitucionalcronologico202454587\/t-370-03\/\" class=\"_self\" target=\"_self\" >T-370-03<\/a><\/h4>\n<div class=\"pt-cv-content\">\u00a0 \u00a0 Sentencia T-370\/03 \u00a0 EDUCACION-Derecho deber \u00a0 DERECHO A LA EDUCACION-Retenci\u00f3n certificado de estudios por no pago de pensi\u00f3n\/DERECHO A LA EDUCACION-Modulaci\u00f3n de orden de no retenci\u00f3n de notas\/DERECHO A LA EDUCACION-Requisitos para entrega de certificados de estudios por no pago de pensi\u00f3n \u00a0 La Corte al revisar las acciones de tutela interpuestas para garantizar dicha continuidad, decid\u00eda proteger el derecho a la educaci\u00f3n de los menores ordenando la entrega de tales documentos, pues la retenci\u00f3n implicaba en la pr\u00e1ctica la suspensi\u00f3n del mismo. No obstante, ante el advenimiento de lo que en su momento consider\u00f3 como una circunstancia ...<br \/><div class=\"pt-cv-rmwrap\"><a href=\"https:\/\/www.dmsjuridica.com\/buscador_20179478954\/corteconstitucionalcronologico202454587\/t-370-03\/\" class=\"_self pt-cv-readmore btn btn-success\" target=\"_self\">Ver Sentencia Completa...<\/a><\/div><\/div><\/div><\/div>\n<div class=\"col-md-12 col-sm-12 col-xs-12 pt-cv-content-item pt-cv-1-col\" ><div class='pt-cv-ifield'><a href=\"https:\/\/www.dmsjuridica.com\/buscador_20179478954\/corteconstitucionalcronologico202454587\/t-369-03\/\" class=\"_self pt-cv-href-thumbnail pt-cv-thumb-default\" target=\"_self\" ><\/a>\n<div class=\"pt-cv-taxoterm above_title\"><a href='https:\/\/www.dmsjuridica.com\/buscador_20179478954\/corteconstitucionalcronologico202454587\/category\/buscar-en-toda-la-corte\/2003\/tutelas-2003\/' title='Tutelas 2003' class='pt-cv-tax-tutelas-2003'>Tutelas 2003<\/a><\/div>\n<h4 class=\"pt-cv-title\"><a href=\"https:\/\/www.dmsjuridica.com\/buscador_20179478954\/corteconstitucionalcronologico202454587\/t-369-03\/\" class=\"_self\" target=\"_self\" >T-369-03<\/a><\/h4>\n<div class=\"pt-cv-content\">\u00a0 \u00a0 Sentencia T-369\/03 \u00a0 DERECHO A LA SALUD-Suministro de aparato respiratorio \u00a0 Referencia: expediente T-688357 \u00a0 Acci\u00f3n de tutela instaurada por Se\u00f1or Jorge Chilito Rodr\u00edguez contra Compensar E.P.S.\u00a0 \u00a0 Magistrado Ponente: \u00a0 Dr. ALVARO TAFUR GALVIS \u00a0 Bogot\u00e1 D. C., ocho (8) de mayo de dos mil tres (2003). \u00a0 La Sala Octava de Revisi\u00f3n de la Corte Constitucional, integrada por los magistrados, Clara In\u00e9s Vargas Hern\u00e1ndez, Jaime Araujo Renter\u00eda y \u00c1lvaro Tafur Galvis, en ejercicio de sus competencias constitucionales y legales, ha proferido la siguiente \u00a0 SENTENCIA \u00a0 En el proceso de revisi\u00f3n de los fallos adoptados por ...<br \/><div class=\"pt-cv-rmwrap\"><a href=\"https:\/\/www.dmsjuridica.com\/buscador_20179478954\/corteconstitucionalcronologico202454587\/t-369-03\/\" class=\"_self pt-cv-readmore btn btn-success\" target=\"_self\">Ver Sentencia Completa...<\/a><\/div><\/div><\/div><\/div>\n<div class=\"col-md-12 col-sm-12 col-xs-12 pt-cv-content-item pt-cv-1-col\" ><div class='pt-cv-ifield'><a href=\"https:\/\/www.dmsjuridica.com\/buscador_20179478954\/corteconstitucionalcronologico202454587\/t-368-03\/\" class=\"_self pt-cv-href-thumbnail pt-cv-thumb-default\" target=\"_self\" ><\/a>\n<div class=\"pt-cv-taxoterm above_title\"><a href='https:\/\/www.dmsjuridica.com\/buscador_20179478954\/corteconstitucionalcronologico202454587\/category\/buscar-en-toda-la-corte\/2003\/tutelas-2003\/' title='Tutelas 2003' class='pt-cv-tax-tutelas-2003'>Tutelas 2003<\/a><\/div>\n<h4 class=\"pt-cv-title\"><a href=\"https:\/\/www.dmsjuridica.com\/buscador_20179478954\/corteconstitucionalcronologico202454587\/t-368-03\/\" class=\"_self\" target=\"_self\" >T-368-03<\/a><\/h4>\n<div class=\"pt-cv-content\">\u00a0 \u00a0 Sentencia T-368\/03 \u00a0 ACCION DE TUTELA-Improcedencia general sobre controversia laboral\/MEDIO DE DEFENSA JUDICIAL-Controversia laboral \u00a0 Los trabajadores cuentan con mecanismos eficaces para el restablecimiento de sus derechos fundamentales, al punto que la acci\u00f3n de tutela resulta, en principio, improcedente para resolver las controversias que surgen de las relaciones de trabajo. El actor bien puede obtener el restablecimiento de sus derechos fundamentales al debido proceso, defensa, honra y buen nombre, promoviendo un proceso ordinario ante la Jurisdicci\u00f3n Laboral, con total garant\u00eda de los derechos constitucionales de ambas partes, en el que el Colegio accionado deber\u00e1 demostrar la causa que ...<br \/><div class=\"pt-cv-rmwrap\"><a href=\"https:\/\/www.dmsjuridica.com\/buscador_20179478954\/corteconstitucionalcronologico202454587\/t-368-03\/\" class=\"_self pt-cv-readmore btn btn-success\" target=\"_self\">Ver Sentencia Completa...<\/a><\/div><\/div><\/div><\/div>\n<div class=\"col-md-12 col-sm-12 col-xs-12 pt-cv-content-item pt-cv-1-col\" ><div class='pt-cv-ifield'><a href=\"https:\/\/www.dmsjuridica.com\/buscador_20179478954\/corteconstitucionalcronologico202454587\/t-367-03\/\" class=\"_self pt-cv-href-thumbnail pt-cv-thumb-default\" target=\"_self\" ><\/a>\n<div class=\"pt-cv-taxoterm above_title\"><a href='https:\/\/www.dmsjuridica.com\/buscador_20179478954\/corteconstitucionalcronologico202454587\/category\/buscar-en-toda-la-corte\/2003\/tutelas-2003\/' title='Tutelas 2003' class='pt-cv-tax-tutelas-2003'>Tutelas 2003<\/a><\/div>\n<h4 class=\"pt-cv-title\"><a href=\"https:\/\/www.dmsjuridica.com\/buscador_20179478954\/corteconstitucionalcronologico202454587\/t-367-03\/\" class=\"_self\" target=\"_self\" >T-367-03<\/a><\/h4>\n<div class=\"pt-cv-content\">\u00a0 \u00a0 Sentencia T-367\/03 \u00a0 LIBERTAD DE ASOCIACION SINDICAL-Alcance \u00a0 SINDICATO-Legitimaci\u00f3n para interponer tutela \u00a0 SINDICATO-Titularidad de derechos fundamentales \u00a0 ACCION DE TUTELA-Subsidiariedad \u00a0 ACCION DE TUTELA TRANSITORIA-Existencia de perjuicio irremediable \u00a0 CONVENCION COLECTIVA-Finalidad \u00a0 La convenci\u00f3n colectiva de trabajo se caracteriza por ser un contrato principal, bilateral, oneroso, conmutativo, de tracto sucesivo y solemne, que vincula a un patrono o asociaci\u00f3n de tipo patronal y a un sindicato o asociaci\u00f3n de tipo laboral, obligando a las partes a cumplir con lo pactado. Siendo el resultado de un acuerdo celebrado entre quienes representan al patrono y a los trabajadores, las ...<br \/><div class=\"pt-cv-rmwrap\"><a href=\"https:\/\/www.dmsjuridica.com\/buscador_20179478954\/corteconstitucionalcronologico202454587\/t-367-03\/\" class=\"_self pt-cv-readmore btn btn-success\" target=\"_self\">Ver Sentencia Completa...<\/a><\/div><\/div><\/div><\/div>\n<div class=\"col-md-12 col-sm-12 col-xs-12 pt-cv-content-item pt-cv-1-col\" ><div class='pt-cv-ifield'><a href=\"https:\/\/www.dmsjuridica.com\/buscador_20179478954\/corteconstitucionalcronologico202454587\/t-366-03\/\" class=\"_self pt-cv-href-thumbnail pt-cv-thumb-default\" target=\"_self\" ><\/a>\n<div class=\"pt-cv-taxoterm above_title\"><a href='https:\/\/www.dmsjuridica.com\/buscador_20179478954\/corteconstitucionalcronologico202454587\/category\/buscar-en-toda-la-corte\/2003\/tutelas-2003\/' title='Tutelas 2003' class='pt-cv-tax-tutelas-2003'>Tutelas 2003<\/a><\/div>\n<h4 class=\"pt-cv-title\"><a href=\"https:\/\/www.dmsjuridica.com\/buscador_20179478954\/corteconstitucionalcronologico202454587\/t-366-03\/\" class=\"_self\" target=\"_self\" >T-366-03<\/a><\/h4>\n<div class=\"pt-cv-content\">\u00a0 \u00a0 Sentencia T-366\/03 \u00a0 DERECHO A LA SALUD-Sustituci\u00f3n de pr\u00f3tesis \u00a0 Lo primero que observa la Corte es que la pr\u00f3tesis que ha sido acoplada en el pie derecho de la demandante se encuentra deteriorada, m\u00e1s exactamente partida. \u00a0Dicha circunstancia, como lo explica el galeno, no s\u00f3lo ocasiona fuertes dolores sino que podr\u00eda generar problemas en la piel, todo lo cual hace necesario el cambio del aditamento. La Corte no comparte la interpretaci\u00f3n de los jueces de instancia cuando afirman que el derecho a la vida no se encuentra amenazado, pues si bien es cierto que no hay una ...<br \/><div class=\"pt-cv-rmwrap\"><a href=\"https:\/\/www.dmsjuridica.com\/buscador_20179478954\/corteconstitucionalcronologico202454587\/t-366-03\/\" class=\"_self pt-cv-readmore btn btn-success\" target=\"_self\">Ver Sentencia Completa...<\/a><\/div><\/div><\/div><\/div>\n<div class=\"col-md-12 col-sm-12 col-xs-12 pt-cv-content-item pt-cv-1-col\" ><div class='pt-cv-ifield'><a href=\"https:\/\/www.dmsjuridica.com\/buscador_20179478954\/corteconstitucionalcronologico202454587\/t-365-03\/\" class=\"_self pt-cv-href-thumbnail pt-cv-thumb-default\" target=\"_self\" ><\/a>\n<div class=\"pt-cv-taxoterm above_title\"><a href='https:\/\/www.dmsjuridica.com\/buscador_20179478954\/corteconstitucionalcronologico202454587\/category\/buscar-en-toda-la-corte\/2003\/tutelas-2003\/' title='Tutelas 2003' class='pt-cv-tax-tutelas-2003'>Tutelas 2003<\/a><\/div>\n<h4 class=\"pt-cv-title\"><a href=\"https:\/\/www.dmsjuridica.com\/buscador_20179478954\/corteconstitucionalcronologico202454587\/t-365-03\/\" class=\"_self\" target=\"_self\" >T-365-03<\/a><\/h4>\n<div class=\"pt-cv-content\">\u00a0 \u00a0 Sentencia T-365\/03 \u00a0 DERECHO DE PETICION FRENTE AL SILENCIO ADMINISTRATIVO NEGATIVO-Debe resolver la solicitud \u00a0 Referencia: expediente: T-714970 \u00a0 \u00a0 Actor: Arlinda Eloisa G\u00f3mez Redondo \u00a0 Procedencia: Juzgado 12 Laboral del Circuito de Bogot\u00e1 \u00a0 Magistrado Ponente:\u00a0 \u00a0 Dr. MARCO GERARDO MONROY CABRA \u00a0 Bogot\u00e1 D.C., ocho (8) de mayo de dos mil tres (2003). \u00a0 La Sala Sexta de Revisi\u00f3n de la Corte Constitucional, integrada por los Magistrados doctores, Eduardo Montealegre Lynet, Alvaro Tafur Galvis y Marco Gerardo Monroy, quien la preside, \u00a0en ejercicio de sus competencias constitucionales y legales ha pronunciado la siguiente\u00a0 \u00a0 SENTENCIA \u00a0 ...<br \/><div class=\"pt-cv-rmwrap\"><a href=\"https:\/\/www.dmsjuridica.com\/buscador_20179478954\/corteconstitucionalcronologico202454587\/t-365-03\/\" class=\"_self pt-cv-readmore btn btn-success\" target=\"_self\">Ver Sentencia Completa...<\/a><\/div><\/div><\/div><\/div>\n<div class=\"col-md-12 col-sm-12 col-xs-12 pt-cv-content-item pt-cv-1-col\" ><div class='pt-cv-ifield'><a href=\"https:\/\/www.dmsjuridica.com\/buscador_20179478954\/corteconstitucionalcronologico202454587\/t-364-03\/\" class=\"_self pt-cv-href-thumbnail pt-cv-thumb-default\" target=\"_self\" ><\/a>\n<div class=\"pt-cv-taxoterm above_title\"><a href='https:\/\/www.dmsjuridica.com\/buscador_20179478954\/corteconstitucionalcronologico202454587\/category\/buscar-en-toda-la-corte\/2003\/tutelas-2003\/' title='Tutelas 2003' class='pt-cv-tax-tutelas-2003'>Tutelas 2003<\/a><\/div>\n<h4 class=\"pt-cv-title\"><a href=\"https:\/\/www.dmsjuridica.com\/buscador_20179478954\/corteconstitucionalcronologico202454587\/t-364-03\/\" class=\"_self\" target=\"_self\" >T-364-03<\/a><\/h4>\n<div class=\"pt-cv-content\">\u00a0 \u00a0 \u00a0\u00a0 \u00a0 \u00a0 \u00a0 \u00a0 \u00a0 \u00a0 \u00a0 \u00a0 \u00a0 \u00a0 \u00a0 \u00a0 \u00a0 \u00a0 \u00a0 \u00a0 \u00a0 \u00a0 \u00a0 \u00a0 \u00a0 \u00a0 \u00a0 \u00a0 \u00a0 \u00a0 \u00a0 \u00a0 \u00a0 \u00a0 \u00a0 \u00a0 \u00a0 \u00a0 \u00a0 \u00a0 \u00a0 \u00a0 \u00a0 \u00a0 \u00a0 \u00a0 \u00a0 \u00a0 \u00a0 \u00a0 \u00a0 \u00a0 \u00a0 \u00a0 \u00a0 \u00a0 \u00a0 \u00a0 \u00a0 \u00a0 \u00a0 \u00a0 \u00a0 \u00a0 \u00a0 \u00a0 \u00a0 \u00a0 \u00a0 \u00a0 \u00a0 \u00a0 \u00a0 \u00a0 \u00a0 \u00a0 \u00a0 \u00a0 \u00a0 \u00a0 \u00a0 \u00a0 \u00a0 \u00a0 \u00a0 \u00a0 \u00a0 \u00a0 \u00a0 \u00a0 \u00a0 \u00a0 \u00a0 \u00a0 \u00a0 \u00a0 \u00a0 \u00a0 \u00a0 \u00a0 \u00a0 ...<br \/><div class=\"pt-cv-rmwrap\"><a href=\"https:\/\/www.dmsjuridica.com\/buscador_20179478954\/corteconstitucionalcronologico202454587\/t-364-03\/\" class=\"_self pt-cv-readmore btn btn-success\" target=\"_self\">Ver Sentencia Completa...<\/a><\/div><\/div><\/div><\/div>\n<div class=\"col-md-12 col-sm-12 col-xs-12 pt-cv-content-item pt-cv-1-col\" ><div class='pt-cv-ifield'><a href=\"https:\/\/www.dmsjuridica.com\/buscador_20179478954\/corteconstitucionalcronologico202454587\/t-363-03\/\" class=\"_self pt-cv-href-thumbnail pt-cv-thumb-default\" target=\"_self\" ><\/a>\n<div class=\"pt-cv-taxoterm above_title\"><a href='https:\/\/www.dmsjuridica.com\/buscador_20179478954\/corteconstitucionalcronologico202454587\/category\/buscar-en-toda-la-corte\/2003\/tutelas-2003\/' title='Tutelas 2003' class='pt-cv-tax-tutelas-2003'>Tutelas 2003<\/a><\/div>\n<h4 class=\"pt-cv-title\"><a href=\"https:\/\/www.dmsjuridica.com\/buscador_20179478954\/corteconstitucionalcronologico202454587\/t-363-03\/\" class=\"_self\" target=\"_self\" >T-363-03<\/a><\/h4>\n<div class=\"pt-cv-content\">\u00a0 \u00a0 \u00a0\u00a0 \u00a0 \u00a0 \u00a0 \u00a0 \u00a0 \u00a0 \u00a0 \u00a0 \u00a0 \u00a0 \u00a0 \u00a0 \u00a0 \u00a0 \u00a0 \u00a0 \u00a0 \u00a0 \u00a0 \u00a0 \u00a0 \u00a0 \u00a0 \u00a0 \u00a0 \u00a0 \u00a0 \u00a0 \u00a0 \u00a0 \u00a0 \u00a0 \u00a0 \u00a0 \u00a0 \u00a0 \u00a0 \u00a0 \u00a0 \u00a0 \u00a0 \u00a0 \u00a0 \u00a0 \u00a0 \u00a0 \u00a0 \u00a0 \u00a0 \u00a0 \u00a0 \u00a0 \u00a0 \u00a0 \u00a0 \u00a0 \u00a0 \u00a0 \u00a0 \u00a0 \u00a0 \u00a0 \u00a0 \u00a0 \u00a0 \u00a0 \u00a0 \u00a0 \u00a0 \u00a0 \u00a0 \u00a0 \u00a0\u00a0 \u00a0 Sentencia T-363\/03 \u00a0 DERECHO A LA FILIACION-Mecanismos judiciales de protecci\u00f3n \u00a0 DERECHO A LA FILIACION NATURAL-Necesidad de practicar prueba antropoheredobiol\u00f3gica\u00a0 \u00a0 PROCESO DE ...<br \/><div class=\"pt-cv-rmwrap\"><a href=\"https:\/\/www.dmsjuridica.com\/buscador_20179478954\/corteconstitucionalcronologico202454587\/t-363-03\/\" class=\"_self pt-cv-readmore btn btn-success\" target=\"_self\">Ver Sentencia Completa...<\/a><\/div><\/div><\/div><\/div>\n<div class=\"col-md-12 col-sm-12 col-xs-12 pt-cv-content-item pt-cv-1-col\" ><div class='pt-cv-ifield'><a href=\"https:\/\/www.dmsjuridica.com\/buscador_20179478954\/corteconstitucionalcronologico202454587\/t-362-03\/\" class=\"_self pt-cv-href-thumbnail pt-cv-thumb-default\" target=\"_self\" ><\/a>\n<div class=\"pt-cv-taxoterm above_title\"><a href='https:\/\/www.dmsjuridica.com\/buscador_20179478954\/corteconstitucionalcronologico202454587\/category\/buscar-en-toda-la-corte\/2003\/tutelas-2003\/' title='Tutelas 2003' class='pt-cv-tax-tutelas-2003'>Tutelas 2003<\/a><\/div>\n<h4 class=\"pt-cv-title\"><a href=\"https:\/\/www.dmsjuridica.com\/buscador_20179478954\/corteconstitucionalcronologico202454587\/t-362-03\/\" class=\"_self\" target=\"_self\" >T-362-03<\/a><\/h4>\n<div class=\"pt-cv-content\">\u00a0 \u00a0 Sentencia T-362\/03 \u00a0 DERECHO A LA SALUD-Suministro de tratamiento sin cumplir periodo m\u00ednimo de cotizaci\u00f3n \u00a0 La Sala encuentra, de acuerdo con los hechos narrados tanto por el accionante como por la entidad accionada, que en esta oportunidad concurren los cuatro requisitos fijados por la jurisprudencia constitucional: el dengue hemorr\u00e1gico es una enfermedad grave cuyo tratamiento es necesario para evitar que se puede afectar la integridad e incluso la vida de la beneficiaria; la permanencia en la unidad de cuidados intensivos no puede sustituirse por otro tratamiento m\u00e9dico; tanto ella como su esposo carecen de medios econ\u00f3micos que ...<br \/><div class=\"pt-cv-rmwrap\"><a href=\"https:\/\/www.dmsjuridica.com\/buscador_20179478954\/corteconstitucionalcronologico202454587\/t-362-03\/\" class=\"_self pt-cv-readmore btn btn-success\" target=\"_self\">Ver Sentencia Completa...<\/a><\/div><\/div><\/div><\/div>\n<div class=\"col-md-12 col-sm-12 col-xs-12 pt-cv-content-item pt-cv-1-col\" ><div class='pt-cv-ifield'><a href=\"https:\/\/www.dmsjuridica.com\/buscador_20179478954\/corteconstitucionalcronologico202454587\/t-361-03\/\" class=\"_self pt-cv-href-thumbnail pt-cv-thumb-default\" target=\"_self\" ><\/a>\n<div class=\"pt-cv-taxoterm above_title\"><a href='https:\/\/www.dmsjuridica.com\/buscador_20179478954\/corteconstitucionalcronologico202454587\/category\/buscar-en-toda-la-corte\/2003\/tutelas-2003\/' title='Tutelas 2003' class='pt-cv-tax-tutelas-2003'>Tutelas 2003<\/a><\/div>\n<h4 class=\"pt-cv-title\"><a href=\"https:\/\/www.dmsjuridica.com\/buscador_20179478954\/corteconstitucionalcronologico202454587\/t-361-03\/\" class=\"_self\" target=\"_self\" >T-361-03<\/a><\/h4>\n<div class=\"pt-cv-content\">\u00a0 \u00a0 Sentencia T-361\/03 \u00a0 AUTONOMIA UNIVERSITARIA-Finalidad\/AUTONOMIA UNIVERSITARIA-No es absoluta \u00a0 INSTITUCION DE EDUCACION SUPERIOR-Requisitos para la imposici\u00f3n de sanciones \u00a0 DERECHO A LA EDUCACI\u00d3N-No puede imponerse sanci\u00f3n acad\u00e9mica por faltas administrativas \u00a0 La tesis asumida por la Corte en la Sentencia T-425 de 1993 y posteriormente ratificada en otros fallos seg\u00fan la cual no pueden imponerse sanciones acad\u00e9micas por faltas administrativas, tiene una aplicaci\u00f3n general, es decir, que las faltas de una cierta naturaleza no pueden dar lugares a sanciones de otra naturaleza. As\u00ed pues, una falta exclusivamente disciplinaria no podr\u00eda dar lugar a una sanci\u00f3n t\u00edpicamente acad\u00e9mica o ...<br \/><div class=\"pt-cv-rmwrap\"><a href=\"https:\/\/www.dmsjuridica.com\/buscador_20179478954\/corteconstitucionalcronologico202454587\/t-361-03\/\" class=\"_self pt-cv-readmore btn btn-success\" target=\"_self\">Ver Sentencia Completa...<\/a><\/div><\/div><\/div><\/div>\n<div class=\"col-md-12 col-sm-12 col-xs-12 pt-cv-content-item pt-cv-1-col\" ><div class='pt-cv-ifield'><a href=\"https:\/\/www.dmsjuridica.com\/buscador_20179478954\/corteconstitucionalcronologico202454587\/t-360-03\/\" class=\"_self pt-cv-href-thumbnail pt-cv-thumb-default\" target=\"_self\" ><\/a>\n<div class=\"pt-cv-taxoterm above_title\"><a href='https:\/\/www.dmsjuridica.com\/buscador_20179478954\/corteconstitucionalcronologico202454587\/category\/buscar-en-toda-la-corte\/2003\/tutelas-2003\/' title='Tutelas 2003' class='pt-cv-tax-tutelas-2003'>Tutelas 2003<\/a><\/div>\n<h4 class=\"pt-cv-title\"><a href=\"https:\/\/www.dmsjuridica.com\/buscador_20179478954\/corteconstitucionalcronologico202454587\/t-360-03\/\" class=\"_self\" target=\"_self\" >T-360-03<\/a><\/h4>\n<div class=\"pt-cv-content\">\u00a0 \u00a0 Sentencia T-360\/03 \u00a0 ACCION DE TUTELA-Procedencia para la inclusi\u00f3n en n\u00f3mina del pensionado \u00a0 ACCION DE TUTELA-Carencia actual de objeto \u00a0 Reiteraci\u00f3n de Jurisprudencia \u00a0 Referencia: expediente T-691920 \u00a0 Acci\u00f3n de tutela instaurada por Ayd\u00e9e Gaviria Vda. de Camacho contra la Caja Nacional de Previsi\u00f3n Social \u2013CAJANAL-. \u00a0 Magistrado Ponente: \u00a0 Dr. JAIME ARA\u00daJO RENTER\u00cdA \u00a0 Bogot\u00e1, D.C., siete (7) de mayo de dos mil tres (2003). \u00a0 La Sala Primera de Revisi\u00f3n de la Corte Constitucional, en ejercicio de sus competencias constitucionales y legales, en particular las contenidas en los art\u00edculos 86 y 241, numeral 9, de ...<br \/><div class=\"pt-cv-rmwrap\"><a href=\"https:\/\/www.dmsjuridica.com\/buscador_20179478954\/corteconstitucionalcronologico202454587\/t-360-03\/\" class=\"_self pt-cv-readmore btn btn-success\" target=\"_self\">Ver Sentencia Completa...<\/a><\/div><\/div><\/div><\/div>\n<div class=\"col-md-12 col-sm-12 col-xs-12 pt-cv-content-item pt-cv-1-col\" ><div class='pt-cv-ifield'><a href=\"https:\/\/www.dmsjuridica.com\/buscador_20179478954\/corteconstitucionalcronologico202454587\/t-359-03\/\" class=\"_self pt-cv-href-thumbnail pt-cv-thumb-default\" target=\"_self\" ><\/a>\n<div class=\"pt-cv-taxoterm above_title\"><a href='https:\/\/www.dmsjuridica.com\/buscador_20179478954\/corteconstitucionalcronologico202454587\/category\/buscar-en-toda-la-corte\/2003\/tutelas-2003\/' title='Tutelas 2003' class='pt-cv-tax-tutelas-2003'>Tutelas 2003<\/a><\/div>\n<h4 class=\"pt-cv-title\"><a href=\"https:\/\/www.dmsjuridica.com\/buscador_20179478954\/corteconstitucionalcronologico202454587\/t-359-03\/\" class=\"_self\" target=\"_self\" >T-359-03<\/a><\/h4>\n<div class=\"pt-cv-content\">\u00a0 \u00a0 Sentencia T-359\/03 \u00a0 PERSONA JURIDICA-Titularidad de derechos fundamentales \u00a0 ACCION DE TUTELA CONTRA PROVIDENCIAS JUDICIALES-Procedencia excepcional por v\u00eda de hecho judicial \u00a0 VIA DE HECHO-Clases de defectos en la actuaci\u00f3n \u00a0 VIA DE HECHO-Defecto sustantivo \u00a0 VIA DE HECHO-Defecto f\u00e1ctico \u00a0 VIA DE HECHO-Defecto org\u00e1nico \u00a0 PRINCIPIO DE SEGURIDAD JURIDICA Y AUTONOMIA JUDICIAL-Fundamental en un estado democr\u00e1tico\/PRINCIPIO DE SEGURIDAD JURIDICA Y AUTONOMIA JUDICIAL-Debe servir de refuerzo a la legalidad \u00a0 La seguridad jur\u00eddica y la autonom\u00eda e independencia judiciales son principios fundantes de los Estados democr\u00e1ticos, pero no pueden ser empleados para blindar decisiones exclusivamente basadas en el ...<br \/><div class=\"pt-cv-rmwrap\"><a href=\"https:\/\/www.dmsjuridica.com\/buscador_20179478954\/corteconstitucionalcronologico202454587\/t-359-03\/\" class=\"_self pt-cv-readmore btn btn-success\" target=\"_self\">Ver Sentencia Completa...<\/a><\/div><\/div><\/div><\/div>\n<div class=\"col-md-12 col-sm-12 col-xs-12 pt-cv-content-item pt-cv-1-col\" ><div class='pt-cv-ifield'><a href=\"https:\/\/www.dmsjuridica.com\/buscador_20179478954\/corteconstitucionalcronologico202454587\/t-358-03\/\" class=\"_self pt-cv-href-thumbnail pt-cv-thumb-default\" target=\"_self\" ><\/a>\n<div class=\"pt-cv-taxoterm above_title\"><a href='https:\/\/www.dmsjuridica.com\/buscador_20179478954\/corteconstitucionalcronologico202454587\/category\/buscar-en-toda-la-corte\/2003\/tutelas-2003\/' title='Tutelas 2003' class='pt-cv-tax-tutelas-2003'>Tutelas 2003<\/a><\/div>\n<h4 class=\"pt-cv-title\"><a href=\"https:\/\/www.dmsjuridica.com\/buscador_20179478954\/corteconstitucionalcronologico202454587\/t-358-03\/\" class=\"_self\" target=\"_self\" >T-358-03<\/a><\/h4>\n<div class=\"pt-cv-content\">\u00a0 \u00a0 Sentencia T-358\/03 \u00a0 ACCION POPULAR-Protecci\u00f3n de derechos e intereses colectivos \u00a0 ACCION DE TUTELA-Criterios para determinar su procedencia cuando se afectan derechos colectivos \u00a0 DERECHOS FUNDAMENTALES-Vulneraci\u00f3n por inseguridad en v\u00eda nacional adyacente a plantel educativo por falta de se\u00f1alizaci\u00f3n \u00a0 En el presente caso, se aduce como derechos amenazados los derechos fundamentales de los ni\u00f1os, as\u00ed como el de la comunidad del Instituto y de la comunidad en general. Para la Sala, la amenaza de los derechos puestos en peligro se deriva de las condiciones de inseguridad generadas por una v\u00eda nacional adyacente al referido plantel educativo que ...<br \/><div class=\"pt-cv-rmwrap\"><a href=\"https:\/\/www.dmsjuridica.com\/buscador_20179478954\/corteconstitucionalcronologico202454587\/t-358-03\/\" class=\"_self pt-cv-readmore btn btn-success\" target=\"_self\">Ver Sentencia Completa...<\/a><\/div><\/div><\/div><\/div>\n<div class=\"col-md-12 col-sm-12 col-xs-12 pt-cv-content-item pt-cv-1-col\" ><div class='pt-cv-ifield'><a href=\"https:\/\/www.dmsjuridica.com\/buscador_20179478954\/corteconstitucionalcronologico202454587\/t-353-03\/\" class=\"_self pt-cv-href-thumbnail pt-cv-thumb-default\" target=\"_self\" ><\/a>\n<div class=\"pt-cv-taxoterm above_title\"><a href='https:\/\/www.dmsjuridica.com\/buscador_20179478954\/corteconstitucionalcronologico202454587\/category\/buscar-en-toda-la-corte\/2003\/tutelas-2003\/' title='Tutelas 2003' class='pt-cv-tax-tutelas-2003'>Tutelas 2003<\/a><\/div>\n<h4 class=\"pt-cv-title\"><a href=\"https:\/\/www.dmsjuridica.com\/buscador_20179478954\/corteconstitucionalcronologico202454587\/t-353-03\/\" class=\"_self\" target=\"_self\" >T-353-03<\/a><\/h4>\n<div class=\"pt-cv-content\">\u00a0 \u00a0 Sentencia T-353\/03 \u00a0 ACCION DE TUTELA-Procedencia excepcional pago de acreencias laborales \u00a0 DERECHO AL MINIMO VITAL DEL TRABAJADOR-Presunci\u00f3n de afectaci\u00f3n por ausencia prolongada en pago de salarios \u00a0 ACCION DE TUTELA-Hecho superado por pago de salarios \u00a0 Reiteraci\u00f3n de Jurisprudencia \u00a0 Referencia: expedientes acumulados T-683113, \u00a0 T-685500 y T-685660 \u00a0 Acciones de tutela instauradas por Rosmary Sanabria Posada Alba Margarita Hern\u00e1ndez Hern\u00e1ndez \u00a0y Henry Becerra Parra contra Hospital San Antonio de Arbel\u00e1ez. \u00a0 Magistrado Ponente: \u00a0 Dr. RODRIGO ESCOBAR GIL \u00a0 Bogot\u00e1 D.C., cinco (5) de mayo de dos mil tres (2003). \u00a0 La Sala Quinta de Revisi\u00f3n ...<br \/><div class=\"pt-cv-rmwrap\"><a href=\"https:\/\/www.dmsjuridica.com\/buscador_20179478954\/corteconstitucionalcronologico202454587\/t-353-03\/\" class=\"_self pt-cv-readmore btn btn-success\" target=\"_self\">Ver Sentencia Completa...<\/a><\/div><\/div><\/div><\/div>\n<div class=\"col-md-12 col-sm-12 col-xs-12 pt-cv-content-item pt-cv-1-col\" ><div class='pt-cv-ifield'><a href=\"https:\/\/www.dmsjuridica.com\/buscador_20179478954\/corteconstitucionalcronologico202454587\/t-352-03\/\" class=\"_self pt-cv-href-thumbnail pt-cv-thumb-default\" target=\"_self\" ><\/a>\n<div class=\"pt-cv-taxoterm above_title\"><a href='https:\/\/www.dmsjuridica.com\/buscador_20179478954\/corteconstitucionalcronologico202454587\/category\/buscar-en-toda-la-corte\/2003\/tutelas-2003\/' title='Tutelas 2003' class='pt-cv-tax-tutelas-2003'>Tutelas 2003<\/a><\/div>\n<h4 class=\"pt-cv-title\"><a href=\"https:\/\/www.dmsjuridica.com\/buscador_20179478954\/corteconstitucionalcronologico202454587\/t-352-03\/\" class=\"_self\" target=\"_self\" >T-352-03<\/a><\/h4>\n<div class=\"pt-cv-content\">\u00a0 \u00a0 Sentencia T-352\/03 \u00a0 ACCION DE TUTELA-Hecho superado por respuesta a petici\u00f3n \u00a0 Reiteraci\u00f3n de Jurisprudencia \u00a0 Referencia: expediente T-694422 \u00a0 Acci\u00f3n de tutela instaurada por Edilma del Socorro Garc\u00e9s Fern\u00e1ndez contra la Caja Nacional de Previsi\u00f3n Social CAJANAL. \u00a0 Magistrado Ponente: \u00a0 Dr. RODRIGO ESCOBAR GIL \u00a0 Bogot\u00e1, D.C., cinco (5) de mayo de dos mil tres (2003). \u00a0 La Sala Quinta de Revisi\u00f3n de la Corte Constitucional, en ejercicio de sus competencias constitucionales y legales, en particular las contenidas en los art\u00edculos 86 y 241, numeral 9, de la Constituci\u00f3n y el Decreto 2591 de 1991, ha ...<br \/><div class=\"pt-cv-rmwrap\"><a href=\"https:\/\/www.dmsjuridica.com\/buscador_20179478954\/corteconstitucionalcronologico202454587\/t-352-03\/\" class=\"_self pt-cv-readmore btn btn-success\" target=\"_self\">Ver Sentencia Completa...<\/a><\/div><\/div><\/div><\/div>\n<div class=\"col-md-12 col-sm-12 col-xs-12 pt-cv-content-item pt-cv-1-col\" ><div class='pt-cv-ifield'><a href=\"https:\/\/www.dmsjuridica.com\/buscador_20179478954\/corteconstitucionalcronologico202454587\/t-351-03\/\" class=\"_self pt-cv-href-thumbnail pt-cv-thumb-default\" target=\"_self\" ><\/a>\n<div class=\"pt-cv-taxoterm above_title\"><a href='https:\/\/www.dmsjuridica.com\/buscador_20179478954\/corteconstitucionalcronologico202454587\/category\/buscar-en-toda-la-corte\/2003\/tutelas-2003\/' title='Tutelas 2003' class='pt-cv-tax-tutelas-2003'>Tutelas 2003<\/a><\/div>\n<h4 class=\"pt-cv-title\"><a href=\"https:\/\/www.dmsjuridica.com\/buscador_20179478954\/corteconstitucionalcronologico202454587\/t-351-03\/\" class=\"_self\" target=\"_self\" >T-351-03<\/a><\/h4>\n<div class=\"pt-cv-content\">\u00a0 \u00a0 Sentencia T-351\/03 \u00a0 ACCION DE TUTELA Y ACCION ORDINARIA-Concurrencia\/JUEZ DE TUTELA-Evaluaci\u00f3n respecto del mecanismo m\u00e1s eficaz para evitar perjuicio irremediable \u00a0 La posibilidad de modificar o alterar las condiciones de trabajo, a partir del reconocimiento de un poder subordinante en el empleador, plantea un conflicto jur\u00eddico frente al cual concurren las acciones de tipo ordinario y la acci\u00f3n de amparo constitucional, obviamente, vinculadas a la ponderaci\u00f3n y armonizaci\u00f3n de derechos constitucionales, tales como, la vida digna, la integridad personal, la libertad de empresa y el derecho al trabajo. Al concurrir las acciones de naturaleza ordinaria junto con la ...<br \/><div class=\"pt-cv-rmwrap\"><a href=\"https:\/\/www.dmsjuridica.com\/buscador_20179478954\/corteconstitucionalcronologico202454587\/t-351-03\/\" class=\"_self pt-cv-readmore btn btn-success\" target=\"_self\">Ver Sentencia Completa...<\/a><\/div><\/div><\/div><\/div>\n<div class=\"col-md-12 col-sm-12 col-xs-12 pt-cv-content-item pt-cv-1-col\" ><div class='pt-cv-ifield'><a href=\"https:\/\/www.dmsjuridica.com\/buscador_20179478954\/corteconstitucionalcronologico202454587\/t-350-03\/\" class=\"_self pt-cv-href-thumbnail pt-cv-thumb-default\" target=\"_self\" ><\/a>\n<div class=\"pt-cv-taxoterm above_title\"><a href='https:\/\/www.dmsjuridica.com\/buscador_20179478954\/corteconstitucionalcronologico202454587\/category\/buscar-en-toda-la-corte\/2003\/tutelas-2003\/' title='Tutelas 2003' class='pt-cv-tax-tutelas-2003'>Tutelas 2003<\/a><\/div>\n<h4 class=\"pt-cv-title\"><a href=\"https:\/\/www.dmsjuridica.com\/buscador_20179478954\/corteconstitucionalcronologico202454587\/t-350-03\/\" class=\"_self\" target=\"_self\" >T-350-03<\/a><\/h4>\n<div class=\"pt-cv-content\">\u00a0 \u00a0 Sentencia T-350\/03 \u00a0 DERECHO A LA SALUD DEL MENOR-Casos en que procede pago de transporte para acompa\u00f1ante\u00a0 \u00a0 ENTIDAD PROMOTORA DE SALUD-Transporte de acompa\u00f1ante de paciente menor de edad para atenci\u00f3n m\u00e9dica \u00a0 DEBER DE SOLIDARIDAD SOCIAL DEL ESTADO-Debe estar probada la falta de recursos econ\u00f3micos del paciente o sus familiares \u00a0 La aplicaci\u00f3n del deber de solidaridad no es absoluto. \u00a0Existen situaciones en que la entidad prestadora se niega a suministrar los medios para que el paciente acceda al tratamiento, del cual depende la recuperaci\u00f3n de su estado de salud y, a la vez, se comprueba de ...<br \/><div class=\"pt-cv-rmwrap\"><a href=\"https:\/\/www.dmsjuridica.com\/buscador_20179478954\/corteconstitucionalcronologico202454587\/t-350-03\/\" class=\"_self pt-cv-readmore btn btn-success\" target=\"_self\">Ver Sentencia Completa...<\/a><\/div><\/div><\/div><\/div>\n<div class=\"col-md-12 col-sm-12 col-xs-12 pt-cv-content-item pt-cv-1-col\" ><div class='pt-cv-ifield'><a href=\"https:\/\/www.dmsjuridica.com\/buscador_20179478954\/corteconstitucionalcronologico202454587\/t-349-03\/\" class=\"_self pt-cv-href-thumbnail pt-cv-thumb-default\" target=\"_self\" ><\/a>\n<div class=\"pt-cv-taxoterm above_title\"><a href='https:\/\/www.dmsjuridica.com\/buscador_20179478954\/corteconstitucionalcronologico202454587\/category\/buscar-en-toda-la-corte\/2003\/tutelas-2003\/' title='Tutelas 2003' class='pt-cv-tax-tutelas-2003'>Tutelas 2003<\/a><\/div>\n<h4 class=\"pt-cv-title\"><a href=\"https:\/\/www.dmsjuridica.com\/buscador_20179478954\/corteconstitucionalcronologico202454587\/t-349-03\/\" class=\"_self\" target=\"_self\" >T-349-03<\/a><\/h4>\n<div class=\"pt-cv-content\">ACCION DE TUTELA-Hecho superado por realizaci\u00f3n de examen m\u00e9dico \u00a0 DERECHO A LA SALUD-Omisi\u00f3n de ex\u00e1menes m\u00e9dicos \u00a0 JUEZ DE TUTELA-Debe conducir el proceso con la mayor diligencia y tiene la obligaci\u00f3n de llegar a la verdad del asunto \u00a0 Para la Sala es claro que, dada la naturaleza de la acci\u00f3n de tutela, la labor del juez no debe circunscribirse s\u00f3lo a las pretensiones formuladas por el petente en su escrito ni tampoco puede limitar su tarea a las cuestiones f\u00e1cticas esbozadas por aqu\u00e9l. La acci\u00f3n de que se trata tiene como caracter\u00edstica la de ser informal. Precisamente por ...<br \/><div class=\"pt-cv-rmwrap\"><a href=\"https:\/\/www.dmsjuridica.com\/buscador_20179478954\/corteconstitucionalcronologico202454587\/t-349-03\/\" class=\"_self pt-cv-readmore btn btn-success\" target=\"_self\">Ver Sentencia Completa...<\/a><\/div><\/div><\/div><\/div>\n<div class=\"col-md-12 col-sm-12 col-xs-12 pt-cv-content-item pt-cv-1-col\" ><div class='pt-cv-ifield'><a href=\"https:\/\/www.dmsjuridica.com\/buscador_20179478954\/corteconstitucionalcronologico202454587\/t-348-03\/\" class=\"_self pt-cv-href-thumbnail pt-cv-thumb-default\" target=\"_self\" ><\/a>\n<div class=\"pt-cv-taxoterm above_title\"><a href='https:\/\/www.dmsjuridica.com\/buscador_20179478954\/corteconstitucionalcronologico202454587\/category\/buscar-en-toda-la-corte\/2003\/tutelas-2003\/' title='Tutelas 2003' class='pt-cv-tax-tutelas-2003'>Tutelas 2003<\/a><\/div>\n<h4 class=\"pt-cv-title\"><a href=\"https:\/\/www.dmsjuridica.com\/buscador_20179478954\/corteconstitucionalcronologico202454587\/t-348-03\/\" class=\"_self\" target=\"_self\" >T-348-03<\/a><\/h4>\n<div class=\"pt-cv-content\">\u00a0 \u00a0 Sentencia T-348\/03 \u00a0 ACCION DE TUTELA-Hecho superado por inclusi\u00f3n en n\u00f3mina de pensionados \u00a0 Referencia: expediente T- 718766 \u00a0 Acci\u00f3n de tutela de Miguel \u00c1ngel G\u00f3mez contra el Instituto de Seguro Social, Seccional Santander, Ministerio de Hacienda y Cr\u00e9dito P\u00fablico y Fondo de Pensiones de la Alcald\u00eda de C\u00facuta. \u00a0 \u00a0 Procedencia: Juzgado 3 Laboral del Circuito de C\u00facuta. \u00a0 Magistrado Ponente: \u00a0 Dr. ALFREDO BELTR\u00c1N SIERRA \u00a0 \u00a0 \u00a0 Bogot\u00e1, D.C., dos (2) de mayo de dos mil tres (2003). \u00a0 I. ANTECEDENTES. \u00a0 La Sala Segunda (2a.) de Revisi\u00f3n de la Corte Constitucional, integrada por los ...<br \/><div class=\"pt-cv-rmwrap\"><a href=\"https:\/\/www.dmsjuridica.com\/buscador_20179478954\/corteconstitucionalcronologico202454587\/t-348-03\/\" class=\"_self pt-cv-readmore btn btn-success\" target=\"_self\">Ver Sentencia Completa...<\/a><\/div><\/div><\/div><\/div>\n<div class=\"col-md-12 col-sm-12 col-xs-12 pt-cv-content-item pt-cv-1-col\" ><div class='pt-cv-ifield'><a href=\"https:\/\/www.dmsjuridica.com\/buscador_20179478954\/corteconstitucionalcronologico202454587\/t-347-03\/\" class=\"_self pt-cv-href-thumbnail pt-cv-thumb-default\" target=\"_self\" ><\/a>\n<div class=\"pt-cv-taxoterm above_title\"><a href='https:\/\/www.dmsjuridica.com\/buscador_20179478954\/corteconstitucionalcronologico202454587\/category\/buscar-en-toda-la-corte\/2003\/tutelas-2003\/' title='Tutelas 2003' class='pt-cv-tax-tutelas-2003'>Tutelas 2003<\/a><\/div>\n<h4 class=\"pt-cv-title\"><a href=\"https:\/\/www.dmsjuridica.com\/buscador_20179478954\/corteconstitucionalcronologico202454587\/t-347-03\/\" class=\"_self\" target=\"_self\" >T-347-03<\/a><\/h4>\n<div class=\"pt-cv-content\">\u00a0 \u00a0 Sentencia T-347\/03 \u00a0 SENTENCIA DE TRIBUNAL ADMINISTRATIVO-Cumplimiento no requiere auto de tr\u00e1mite\/SENTENCIA DE TRIBUNAL ADMINISTRATIVO-Cumplimiento dando orden al Alcalde para que reintegre a la demandante \u00a0 Los efectos jur\u00eddicos y vinculantes que adquiere la sentencia una vez en firme y ejecutoriada le abren paso para continuar con su cumplimiento; por lo tanto, no se encuentra raz\u00f3n jur\u00eddica que soporte el argumento de que no hay lugar a acatar la providencia judicial hasta tanto se expida el \u201cauto de obedecimiento\u201d cuando este es un mero acto de tr\u00e1mite que le da impulso a la decisi\u00f3n jur\u00eddica que defini\u00f3 la ...<br \/><div class=\"pt-cv-rmwrap\"><a href=\"https:\/\/www.dmsjuridica.com\/buscador_20179478954\/corteconstitucionalcronologico202454587\/t-347-03\/\" class=\"_self pt-cv-readmore btn btn-success\" target=\"_self\">Ver Sentencia Completa...<\/a><\/div><\/div><\/div><\/div>\n<div class=\"col-md-12 col-sm-12 col-xs-12 pt-cv-content-item pt-cv-1-col\" ><div class='pt-cv-ifield'><a href=\"https:\/\/www.dmsjuridica.com\/buscador_20179478954\/corteconstitucionalcronologico202454587\/t-346-03\/\" class=\"_self pt-cv-href-thumbnail pt-cv-thumb-default\" target=\"_self\" ><\/a>\n<div class=\"pt-cv-taxoterm above_title\"><a href='https:\/\/www.dmsjuridica.com\/buscador_20179478954\/corteconstitucionalcronologico202454587\/category\/buscar-en-toda-la-corte\/2003\/tutelas-2003\/' title='Tutelas 2003' class='pt-cv-tax-tutelas-2003'>Tutelas 2003<\/a><\/div>\n<h4 class=\"pt-cv-title\"><a href=\"https:\/\/www.dmsjuridica.com\/buscador_20179478954\/corteconstitucionalcronologico202454587\/t-346-03\/\" class=\"_self\" target=\"_self\" >T-346-03<\/a><\/h4>\n<div class=\"pt-cv-content\">\u00a0 \u00a0 \u00a0 \u00a0 Sentencia T-346\/03 \u00a0 ACCION DE TUTELA CONTRA ENTIDAD BANCARIA-Procedencia \u00a0 ENTIDAD BANCARIA-Posici\u00f3n dominante \u00a0 ENTIDAD BANCARIA-Modificaci\u00f3n unilateral reliquidaci\u00f3n cr\u00e9dito hipotecario \u00a0 DERECHO DE PETICION FRENTE A ENTIDAD BANCARIA-Respuesta sobre condiciones exactas del cr\u00e9dito \u00a0 ENTIDAD BANCARIA-No debe abusar de su posici\u00f3n dominante \u00a0 En los casos que ha analizado la Corte en contra de la entidad financiera accionada, no se vulnera solamente el debido proceso sino el buen nombre de quienes acuden a la acci\u00f3n de tutela, pues resulta que Granahorrar \u00a0los reporta como deudores morosos, sin causa justificada para ello, seg\u00fan lo expuesto, y ocasion\u00e1ndoles ...<br \/><div class=\"pt-cv-rmwrap\"><a href=\"https:\/\/www.dmsjuridica.com\/buscador_20179478954\/corteconstitucionalcronologico202454587\/t-346-03\/\" class=\"_self pt-cv-readmore btn btn-success\" target=\"_self\">Ver Sentencia Completa...<\/a><\/div><\/div><\/div><\/div>\n<div class=\"col-md-12 col-sm-12 col-xs-12 pt-cv-content-item pt-cv-1-col\" ><div class='pt-cv-ifield'><a href=\"https:\/\/www.dmsjuridica.com\/buscador_20179478954\/corteconstitucionalcronologico202454587\/t-345-03\/\" class=\"_self pt-cv-href-thumbnail pt-cv-thumb-default\" target=\"_self\" ><\/a>\n<div class=\"pt-cv-taxoterm above_title\"><a href='https:\/\/www.dmsjuridica.com\/buscador_20179478954\/corteconstitucionalcronologico202454587\/category\/buscar-en-toda-la-corte\/2003\/tutelas-2003\/' title='Tutelas 2003' class='pt-cv-tax-tutelas-2003'>Tutelas 2003<\/a><\/div>\n<h4 class=\"pt-cv-title\"><a href=\"https:\/\/www.dmsjuridica.com\/buscador_20179478954\/corteconstitucionalcronologico202454587\/t-345-03\/\" class=\"_self\" target=\"_self\" >T-345-03<\/a><\/h4>\n<div class=\"pt-cv-content\">\u00a0 \u00a0 Sentencia T-345\/03 \u00a0 ACCION DE TUTELA-Procedencia excepcional pago de acreencias laborales \u00a0 DERECHO AL MINIMO VITAL DEL TRABAJADOR-Presunci\u00f3n de afectaci\u00f3n por ausencia prolongada en pago de salarios \u00a0 ACCION DE TUTELA-Carencia actual de objeto \u00a0 Reiteraci\u00f3n de jurisprudencia \u00a0 Referencia: expediente T-687193 \u00a0 Acci\u00f3n de tutela instaurada por Yamile Elena Trivi\u00f1o Guti\u00e9rrez contra Hospital San Antonio de Arbel\u00e1ez. \u00a0 Magistrada Ponente \u00a0 Dra. CLARA IN\u00c9S VARGAS HERN\u00c1NDEZ \u00a0 Bogot\u00e1 D.C., treinta (30) de abril de dos mil tres (2003). \u00a0 La Sala Novena de Revisi\u00f3n de la Corte Constitucional, integrada por los Magistrados CLARA IN\u00c9S VARGAS HERN\u00c1NDEZ, JAIME ...<br \/><div class=\"pt-cv-rmwrap\"><a href=\"https:\/\/www.dmsjuridica.com\/buscador_20179478954\/corteconstitucionalcronologico202454587\/t-345-03\/\" class=\"_self pt-cv-readmore btn btn-success\" target=\"_self\">Ver Sentencia Completa...<\/a><\/div><\/div><\/div><\/div>\n<div class=\"col-md-12 col-sm-12 col-xs-12 pt-cv-content-item pt-cv-1-col\" ><div class='pt-cv-ifield'><a href=\"https:\/\/www.dmsjuridica.com\/buscador_20179478954\/corteconstitucionalcronologico202454587\/t-344-03\/\" class=\"_self pt-cv-href-thumbnail pt-cv-thumb-default\" target=\"_self\" ><\/a>\n<div class=\"pt-cv-taxoterm above_title\"><a href='https:\/\/www.dmsjuridica.com\/buscador_20179478954\/corteconstitucionalcronologico202454587\/category\/buscar-en-toda-la-corte\/2003\/tutelas-2003\/' title='Tutelas 2003' class='pt-cv-tax-tutelas-2003'>Tutelas 2003<\/a><\/div>\n<h4 class=\"pt-cv-title\"><a href=\"https:\/\/www.dmsjuridica.com\/buscador_20179478954\/corteconstitucionalcronologico202454587\/t-344-03\/\" class=\"_self\" target=\"_self\" >T-344-03<\/a><\/h4>\n<div class=\"pt-cv-content\">\u00a0 \u00a0 Sentencia T-344\/03 \u00a0 CONCURSO EN TELECOM-Respeto a las reglas que se han fijado\/PRINCIPIO DE LA BUENA FE \u00a0 De conformidad con la jurisprudencia, la entidad estatal que convoca a un concurso abierto con la finalidad de escoger a la persona m\u00e1s apta para suplir una vacante, debe respetar las reglas que ella misma ha dise\u00f1ado y a las cuales deben someterse, tanto los participantes en la convocatoria como ella misma como entidad que convoca. Por ello, desconocer del riguroso orden que se impone cuando, agotadas todas las etapas de selecci\u00f3n surge una persona que supera a todas las ...<br \/><div class=\"pt-cv-rmwrap\"><a href=\"https:\/\/www.dmsjuridica.com\/buscador_20179478954\/corteconstitucionalcronologico202454587\/t-344-03\/\" class=\"_self pt-cv-readmore btn btn-success\" target=\"_self\">Ver Sentencia Completa...<\/a><\/div><\/div><\/div><\/div>\n<div class=\"col-md-12 col-sm-12 col-xs-12 pt-cv-content-item pt-cv-1-col\" ><div class='pt-cv-ifield'><a href=\"https:\/\/www.dmsjuridica.com\/buscador_20179478954\/corteconstitucionalcronologico202454587\/t-343-03\/\" class=\"_self pt-cv-href-thumbnail pt-cv-thumb-default\" target=\"_self\" ><\/a>\n<div class=\"pt-cv-taxoterm above_title\"><a href='https:\/\/www.dmsjuridica.com\/buscador_20179478954\/corteconstitucionalcronologico202454587\/category\/buscar-en-toda-la-corte\/2003\/tutelas-2003\/' title='Tutelas 2003' class='pt-cv-tax-tutelas-2003'>Tutelas 2003<\/a><\/div>\n<h4 class=\"pt-cv-title\"><a href=\"https:\/\/www.dmsjuridica.com\/buscador_20179478954\/corteconstitucionalcronologico202454587\/t-343-03\/\" class=\"_self\" target=\"_self\" >T-343-03<\/a><\/h4>\n<div class=\"pt-cv-content\">\u00a0 \u00a0 \u00a0\u00a0 \u00a0 \u00a0 \u00a0 \u00a0 \u00a0 \u00a0 \u00a0 \u00a0 \u00a0 \u00a0 \u00a0 \u00a0 \u00a0 \u00a0 \u00a0 \u00a0 \u00a0 \u00a0 \u00a0 \u00a0 \u00a0 \u00a0 \u00a0 \u00a0 \u00a0 \u00a0 \u00a0 \u00a0 \u00a0 \u00a0 \u00a0 \u00a0 \u00a0 \u00a0 \u00a0 \u00a0 \u00a0 \u00a0 \u00a0 \u00a0 \u00a0 \u00a0 \u00a0 \u00a0 \u00a0 \u00a0 \u00a0 \u00a0 \u00a0 \u00a0 \u00a0 \u00a0 \u00a0 \u00a0 \u00a0 \u00a0 \u00a0 \u00a0 \u00a0 \u00a0 \u00a0 \u00a0 \u00a0 \u00a0 \u00a0 \u00a0 \u00a0 \u00a0 \u00a0 \u00a0 \u00a0 \u00a0 \u00a0 \u00a0 Sentencia T-343\/03 \u00a0 PLAN OBLIGATORIO DE SALUD-No est\u00e1 probado que se hayan cumplido requisitos para ordenar por tutela cirug\u00eda dental \u00a0 Referencia: expediente ...<br \/><div class=\"pt-cv-rmwrap\"><a href=\"https:\/\/www.dmsjuridica.com\/buscador_20179478954\/corteconstitucionalcronologico202454587\/t-343-03\/\" class=\"_self pt-cv-readmore btn btn-success\" target=\"_self\">Ver Sentencia Completa...<\/a><\/div><\/div><\/div><\/div>\n<div class=\"col-md-12 col-sm-12 col-xs-12 pt-cv-content-item pt-cv-1-col\" ><div class='pt-cv-ifield'><a href=\"https:\/\/www.dmsjuridica.com\/buscador_20179478954\/corteconstitucionalcronologico202454587\/t-342-03\/\" class=\"_self pt-cv-href-thumbnail pt-cv-thumb-default\" target=\"_self\" ><\/a>\n<div class=\"pt-cv-taxoterm above_title\"><a href='https:\/\/www.dmsjuridica.com\/buscador_20179478954\/corteconstitucionalcronologico202454587\/category\/buscar-en-toda-la-corte\/2003\/tutelas-2003\/' title='Tutelas 2003' class='pt-cv-tax-tutelas-2003'>Tutelas 2003<\/a><\/div>\n<h4 class=\"pt-cv-title\"><a href=\"https:\/\/www.dmsjuridica.com\/buscador_20179478954\/corteconstitucionalcronologico202454587\/t-342-03\/\" class=\"_self\" target=\"_self\" >T-342-03<\/a><\/h4>\n<div class=\"pt-cv-content\">\u00a0 \u00a0 Sentencia T-342\/03 \u00a0 DERECHOS DEL NI\u00d1O-Protecci\u00f3n y cuidado de la madre \u00a0 ACCION DE TUTELA-Improcedencia por falta de pruebas del actor y medios de convicci\u00f3n en su contra \u00a0 Referencia: expediente T-683416 \u00a0 Acci\u00f3n de tutela instaurada por Alberto Le\u00f3n Pico en nombre y representaci\u00f3n de sus hijos Zoila Rosa y Marisol Le\u00f3n G\u00e9lvez, contra el Instituto Colombiano de Bienestar Familiar (ICBF). \u00a0 Magistrado Ponente: \u00a0 Dr. JAIME ARAUJO RENTERIA \u00a0 Bogot\u00e1, D.C., treinta (30) de abril de dos mil tres (2003). \u00a0 La Sala Primera de Revisi\u00f3n de la Corte Constitucional, integrada por los Magistrados ALFREDO BELTRAN ...<br \/><div class=\"pt-cv-rmwrap\"><a href=\"https:\/\/www.dmsjuridica.com\/buscador_20179478954\/corteconstitucionalcronologico202454587\/t-342-03\/\" class=\"_self pt-cv-readmore btn btn-success\" target=\"_self\">Ver Sentencia Completa...<\/a><\/div><\/div><\/div><\/div>\n<div class=\"col-md-12 col-sm-12 col-xs-12 pt-cv-content-item pt-cv-1-col\" ><div class='pt-cv-ifield'><a href=\"https:\/\/www.dmsjuridica.com\/buscador_20179478954\/corteconstitucionalcronologico202454587\/t-341-03\/\" class=\"_self pt-cv-href-thumbnail pt-cv-thumb-default\" target=\"_self\" ><\/a>\n<div class=\"pt-cv-taxoterm above_title\"><a href='https:\/\/www.dmsjuridica.com\/buscador_20179478954\/corteconstitucionalcronologico202454587\/category\/buscar-en-toda-la-corte\/2003\/tutelas-2003\/' title='Tutelas 2003' class='pt-cv-tax-tutelas-2003'>Tutelas 2003<\/a><\/div>\n<h4 class=\"pt-cv-title\"><a href=\"https:\/\/www.dmsjuridica.com\/buscador_20179478954\/corteconstitucionalcronologico202454587\/t-341-03\/\" class=\"_self\" target=\"_self\" >T-341-03<\/a><\/h4>\n<div class=\"pt-cv-content\">\u00a0 \u00a0 Sentencia T-341\/03 \u00a0 DERECHO A LA EDUCACION-Derechos y deberes del estudiante \u00a0 ACCION DE TUTELA CONTRA ESTABLECIMIENTO EDUCATIVO-Procedencia para protecci\u00f3n de derechos de estudiantes \u00a0 MANUAL DE CONVIVENCIA-Naturaleza\u00a0 \u00a0 Por exigencia legal expresa, los planteles educativos tienen a su disposici\u00f3n un instrumento o medio importante para regular y evaluar la conducta escolar de los estudiantes, mediante el se\u00f1alamiento, en forma aut\u00f3noma, de los derechos, deberes y obligaciones de los mismos en sus relaciones con los dem\u00e1s estudiantes, los educadores y los directivos, las faltas \u00a0de conducta, las sanciones respectivas, los \u00f3rganos competentes para imponer \u00e9stas y el procedimiento ...<br \/><div class=\"pt-cv-rmwrap\"><a href=\"https:\/\/www.dmsjuridica.com\/buscador_20179478954\/corteconstitucionalcronologico202454587\/t-341-03\/\" class=\"_self pt-cv-readmore btn btn-success\" target=\"_self\">Ver Sentencia Completa...<\/a><\/div><\/div><\/div><\/div>\n<div class=\"col-md-12 col-sm-12 col-xs-12 pt-cv-content-item pt-cv-1-col\" ><div class='pt-cv-ifield'><a href=\"https:\/\/www.dmsjuridica.com\/buscador_20179478954\/corteconstitucionalcronologico202454587\/t-340-03\/\" class=\"_self pt-cv-href-thumbnail pt-cv-thumb-default\" target=\"_self\" ><\/a>\n<div class=\"pt-cv-taxoterm above_title\"><a href='https:\/\/www.dmsjuridica.com\/buscador_20179478954\/corteconstitucionalcronologico202454587\/category\/buscar-en-toda-la-corte\/2003\/tutelas-2003\/' title='Tutelas 2003' class='pt-cv-tax-tutelas-2003'>Tutelas 2003<\/a><\/div>\n<h4 class=\"pt-cv-title\"><a href=\"https:\/\/www.dmsjuridica.com\/buscador_20179478954\/corteconstitucionalcronologico202454587\/t-340-03\/\" class=\"_self\" target=\"_self\" >T-340-03<\/a><\/h4>\n<div class=\"pt-cv-content\">\u00a0 \u00a0 Sentencia T-340\/03 \u00a0 PLAN OBLIGATORIO DE SALUD-Semanas m\u00ednimas de cotizaci\u00f3n por enfermedad de alto costo \u00a0 Reiteraci\u00f3n de Jurisprudencia \u00a0 Referencia: expediente T-689709 \u00a0 Acci\u00f3n de tutela instaurada por Rodrigo Barrera Ochoa contra el Instituto de Seguros Sociales E.P.S. \u00a0 Magistrado Ponente: \u00a0 Dr. EDUARDO MONTEALEGRE LYNETT \u00a0 Bogot\u00e1, D.C., treinta (30) de abril de dos mil tres (2003). \u00a0 La Sala S\u00e9ptima de Revisi\u00f3n de la Corte Constitucional, en ejercicio de sus competencias constitucionales y legales, en particular las contenidas en los art\u00edculos 86 y 241, numeral 9 de la Constituci\u00f3n y el Decreto 2591 de 1991, ...<br \/><div class=\"pt-cv-rmwrap\"><a href=\"https:\/\/www.dmsjuridica.com\/buscador_20179478954\/corteconstitucionalcronologico202454587\/t-340-03\/\" class=\"_self pt-cv-readmore btn btn-success\" target=\"_self\">Ver Sentencia Completa...<\/a><\/div><\/div><\/div><\/div>\n<div class=\"col-md-12 col-sm-12 col-xs-12 pt-cv-content-item pt-cv-1-col\" ><div class='pt-cv-ifield'><a href=\"https:\/\/www.dmsjuridica.com\/buscador_20179478954\/corteconstitucionalcronologico202454587\/t-339-03\/\" class=\"_self pt-cv-href-thumbnail pt-cv-thumb-default\" target=\"_self\" ><\/a>\n<div class=\"pt-cv-taxoterm above_title\"><a href='https:\/\/www.dmsjuridica.com\/buscador_20179478954\/corteconstitucionalcronologico202454587\/category\/buscar-en-toda-la-corte\/2003\/tutelas-2003\/' title='Tutelas 2003' class='pt-cv-tax-tutelas-2003'>Tutelas 2003<\/a><\/div>\n<h4 class=\"pt-cv-title\"><a href=\"https:\/\/www.dmsjuridica.com\/buscador_20179478954\/corteconstitucionalcronologico202454587\/t-339-03\/\" class=\"_self\" target=\"_self\" >T-339-03<\/a><\/h4>\n<div class=\"pt-cv-content\">\u00a0 \u00a0 Sentencia T-339\/03 \u00a0 ACCION DE TUTELA CONTRA LA RED DE SOLIDARIDAD Y EL INCORA-Improcedencia \u00a0 Est\u00e1 probado que la Red de Solidaridad respondieron a las peticiones de la demandante relativas a que intercediera ante las autoridades de El Espinal, as\u00ed como la existencia de una orden judicial \u2013que, seg\u00fan informa el INCORA, se est\u00e1 cumpliendo, para solucionar los problemas de definici\u00f3n de la propiedad sobre el inmueble. No existen pruebas, a pesar de la solicitud de la Corte, sobre incumplimiento del Estado en relaci\u00f3n con la reubicaci\u00f3n \u2013que, por otro lado, es producto de la decisi\u00f3n libre de ...<br \/><div class=\"pt-cv-rmwrap\"><a href=\"https:\/\/www.dmsjuridica.com\/buscador_20179478954\/corteconstitucionalcronologico202454587\/t-339-03\/\" class=\"_self pt-cv-readmore btn btn-success\" target=\"_self\">Ver Sentencia Completa...<\/a><\/div><\/div><\/div><\/div>\n<div class=\"col-md-12 col-sm-12 col-xs-12 pt-cv-content-item pt-cv-1-col\" ><div class='pt-cv-ifield'><a href=\"https:\/\/www.dmsjuridica.com\/buscador_20179478954\/corteconstitucionalcronologico202454587\/t-338-03\/\" class=\"_self pt-cv-href-thumbnail pt-cv-thumb-default\" target=\"_self\" ><\/a>\n<div class=\"pt-cv-taxoterm above_title\"><a href='https:\/\/www.dmsjuridica.com\/buscador_20179478954\/corteconstitucionalcronologico202454587\/category\/buscar-en-toda-la-corte\/2003\/tutelas-2003\/' title='Tutelas 2003' class='pt-cv-tax-tutelas-2003'>Tutelas 2003<\/a><\/div>\n<h4 class=\"pt-cv-title\"><a href=\"https:\/\/www.dmsjuridica.com\/buscador_20179478954\/corteconstitucionalcronologico202454587\/t-338-03\/\" class=\"_self\" target=\"_self\" >T-338-03<\/a><\/h4>\n<div class=\"pt-cv-content\">\u00a0 \u00a0 Sentencia T-338\/03 \u00a0 ACCION DE TUTELA TEMERARIA-Inexistencia por reclamar prestaciones de periodos distintos \u00a0 ACCION DE TUTELA-Improcedencia general pago de acreencias laborales \u00a0 DERECHO A LA IGUALDAD-Demostraci\u00f3n criterio de comparaci\u00f3n\/DERECHO A LA IGUALDAD-Trato diferenciado \u00a0 Es preciso demostrar un criterio de comparaci\u00f3n, como referente valorativo en relaci\u00f3n con el cual se lleva a cabo el juicio de igualdad. As\u00ed quien pretende alegar que esta siendo objeto de un trato discriminatorio debe enfrentar su situaci\u00f3n particular a aquella de otras personas que estando en igualdad de circunstancias \u00a0f\u00e1cticas y bajo los mismos par\u00e1metros legales \u00a0est\u00e1 teniendo un trato preferente, ...<br \/><div class=\"pt-cv-rmwrap\"><a href=\"https:\/\/www.dmsjuridica.com\/buscador_20179478954\/corteconstitucionalcronologico202454587\/t-338-03\/\" class=\"_self pt-cv-readmore btn btn-success\" target=\"_self\">Ver Sentencia Completa...<\/a><\/div><\/div><\/div><\/div>\n<div class=\"col-md-12 col-sm-12 col-xs-12 pt-cv-content-item pt-cv-1-col\" ><div class='pt-cv-ifield'><a href=\"https:\/\/www.dmsjuridica.com\/buscador_20179478954\/corteconstitucionalcronologico202454587\/t-337-03\/\" class=\"_self pt-cv-href-thumbnail pt-cv-thumb-default\" target=\"_self\" ><\/a>\n<div class=\"pt-cv-taxoterm above_title\"><a href='https:\/\/www.dmsjuridica.com\/buscador_20179478954\/corteconstitucionalcronologico202454587\/category\/buscar-en-toda-la-corte\/2003\/tutelas-2003\/' title='Tutelas 2003' class='pt-cv-tax-tutelas-2003'>Tutelas 2003<\/a><\/div>\n<h4 class=\"pt-cv-title\"><a href=\"https:\/\/www.dmsjuridica.com\/buscador_20179478954\/corteconstitucionalcronologico202454587\/t-337-03\/\" class=\"_self\" target=\"_self\" >T-337-03<\/a><\/h4>\n<div class=\"pt-cv-content\">\u00a0 \u00a0 Sentencia T-337\/03 \u00a0 DERECHO A LA SALUD-Entrega de medicamento \u00a0 Reiteraci\u00f3n de Jurisprudencia \u00a0 Referencia: expediente T-683484 \u00a0 Acci\u00f3n de tutela instaurada por Francisco Antonio Le\u00f3n Su\u00e1rez como agente oficioso de Graciliano Le\u00f3n Carranza contra COMPENSAR E.P.S.. \u00a0 Magistrado Ponente: \u00a0 Dr. ALVARO TAFUR GALVIS \u00a0 Bogot\u00e1, D.C., treinta (30) de abril de dos mil tres (2003). \u00a0 La Sala Octava de Revisi\u00f3n de la Corte Constitucional, en ejercicio de sus competencias constitucionales y legales, espec\u00edficamente las previstas en los art\u00edculos 86 y 241, numeral 9, de la Constituci\u00f3n Pol\u00edtica y en el Decreto 2591 de 1.991, ha ...<br \/><div class=\"pt-cv-rmwrap\"><a href=\"https:\/\/www.dmsjuridica.com\/buscador_20179478954\/corteconstitucionalcronologico202454587\/t-337-03\/\" class=\"_self pt-cv-readmore btn btn-success\" target=\"_self\">Ver Sentencia Completa...<\/a><\/div><\/div><\/div><\/div>\n<div class=\"col-md-12 col-sm-12 col-xs-12 pt-cv-content-item pt-cv-1-col\" ><div class='pt-cv-ifield'><a href=\"https:\/\/www.dmsjuridica.com\/buscador_20179478954\/corteconstitucionalcronologico202454587\/t-336-03\/\" class=\"_self pt-cv-href-thumbnail pt-cv-thumb-default\" target=\"_self\" ><\/a>\n<div class=\"pt-cv-taxoterm above_title\"><a href='https:\/\/www.dmsjuridica.com\/buscador_20179478954\/corteconstitucionalcronologico202454587\/category\/buscar-en-toda-la-corte\/2003\/tutelas-2003\/' title='Tutelas 2003' class='pt-cv-tax-tutelas-2003'>Tutelas 2003<\/a><\/div>\n<h4 class=\"pt-cv-title\"><a href=\"https:\/\/www.dmsjuridica.com\/buscador_20179478954\/corteconstitucionalcronologico202454587\/t-336-03\/\" class=\"_self\" target=\"_self\" >T-336-03<\/a><\/h4>\n<div class=\"pt-cv-content\">\u00a0 \u00a0 Sentencia T-336\/03 \u00a0 ECOPETROL-Inscripci\u00f3n de compa\u00f1era permanente debe seguir el tr\u00e1mite previsto\/ACCION DE TUTELA-Improcedencia para debatir asuntos laborales de rango legal \u00a0 En el presente caso est\u00e1 probado que la empresa accionada ha resuelto las peticiones presentadas \u00a0por el accionante, y por lo tanto, no ha vulnerado o puesto en peligro el derecho fundamental de petici\u00f3n y, si bien no ha accedido a las pretensiones del libelista, tambi\u00e9n lo es, que tal decisi\u00f3n no puede catalogarse de inadecuada, desproporcionada o no razonable. En el caso planteado, solamente se ha producido la separaci\u00f3n de bienes, pero no se ha ...<br \/><div class=\"pt-cv-rmwrap\"><a href=\"https:\/\/www.dmsjuridica.com\/buscador_20179478954\/corteconstitucionalcronologico202454587\/t-336-03\/\" class=\"_self pt-cv-readmore btn btn-success\" target=\"_self\">Ver Sentencia Completa...<\/a><\/div><\/div><\/div><\/div>\n<div class=\"col-md-12 col-sm-12 col-xs-12 pt-cv-content-item pt-cv-1-col\" ><div class='pt-cv-ifield'><a href=\"https:\/\/www.dmsjuridica.com\/buscador_20179478954\/corteconstitucionalcronologico202454587\/t-335-03\/\" class=\"_self pt-cv-href-thumbnail pt-cv-thumb-default\" target=\"_self\" ><\/a>\n<div class=\"pt-cv-taxoterm above_title\"><a href='https:\/\/www.dmsjuridica.com\/buscador_20179478954\/corteconstitucionalcronologico202454587\/category\/buscar-en-toda-la-corte\/2003\/tutelas-2003\/' title='Tutelas 2003' class='pt-cv-tax-tutelas-2003'>Tutelas 2003<\/a><\/div>\n<h4 class=\"pt-cv-title\"><a href=\"https:\/\/www.dmsjuridica.com\/buscador_20179478954\/corteconstitucionalcronologico202454587\/t-335-03\/\" class=\"_self\" target=\"_self\" >T-335-03<\/a><\/h4>\n<div class=\"pt-cv-content\">\u00a0 \u00a0 Sentencia T-335\/03\u00a0 \u00a0 ACCION DE TUTELA-Hecho superado por respuesta a petici\u00f3n \u00a0 Reiteraci\u00f3n de Jurisprudencia \u00a0 Referencia: expediente T-688363 \u00a0 Acci\u00f3n de tutela instaurada \u00a0por Ram\u00f3n Alirio Rodr\u00edguez Le\u00f3n contra la Caja Nacional de Previsi\u00f3n Social. \u00a0 Magistrado Ponente: \u00a0 Dr. MANUEL JOS\u00c9 CEPEDA ESPINOSA \u00a0 Bogot\u00e1, D.C., treinta (30) de abril de dos mil tres (2003). \u00a0 La Sala Tercera de Revisi\u00f3n de la Corte Constitucional, en ejercicio de sus competencias constitucionales y legales, en particular las contenidas en los art\u00edculos 86 y 241, numeral 9, de la Constituci\u00f3n y el Decreto 2591 de 1991, ha proferido ...<br \/><div class=\"pt-cv-rmwrap\"><a href=\"https:\/\/www.dmsjuridica.com\/buscador_20179478954\/corteconstitucionalcronologico202454587\/t-335-03\/\" class=\"_self pt-cv-readmore btn btn-success\" target=\"_self\">Ver Sentencia Completa...<\/a><\/div><\/div><\/div><\/div>\n<div class=\"col-md-12 col-sm-12 col-xs-12 pt-cv-content-item pt-cv-1-col\" ><div class='pt-cv-ifield'><a href=\"https:\/\/www.dmsjuridica.com\/buscador_20179478954\/corteconstitucionalcronologico202454587\/t-334-03\/\" class=\"_self pt-cv-href-thumbnail pt-cv-thumb-default\" target=\"_self\" ><\/a>\n<div class=\"pt-cv-taxoterm above_title\"><a href='https:\/\/www.dmsjuridica.com\/buscador_20179478954\/corteconstitucionalcronologico202454587\/category\/buscar-en-toda-la-corte\/2003\/tutelas-2003\/' title='Tutelas 2003' class='pt-cv-tax-tutelas-2003'>Tutelas 2003<\/a><\/div>\n<h4 class=\"pt-cv-title\"><a href=\"https:\/\/www.dmsjuridica.com\/buscador_20179478954\/corteconstitucionalcronologico202454587\/t-334-03\/\" class=\"_self\" target=\"_self\" >T-334-03<\/a><\/h4>\n<div class=\"pt-cv-content\">\u00a0 \u00a0 Sentencia T-334\/03 \u00a0 PRINCIPIO DE INTERPRETACION CONFORME A LA CONSTITUCION-Alcance \u00a0 Seg\u00fan el principio de la interpretaci\u00f3n conforme a la Constituci\u00f3n, ampliamente acogido por la jurisprudencia constitucional colombiana, los par\u00e1metros hermen\u00e9uticos trazados por el Constituyente deben guiar, en todo caso, la aplicaci\u00f3n de las leyes por parte de los servidores p\u00fablicos, especialmente por quienes administran justicia en casos concretos, y mucho m\u00e1s cuando se trata de resolver asuntos de tutela, de cuya decisi\u00f3n depende la integridad de los valores y derechos protegidos por la Carta. En consecuencia, la interpretaci\u00f3n de las normas civiles y procesales debe estar ante ...<br \/><div class=\"pt-cv-rmwrap\"><a href=\"https:\/\/www.dmsjuridica.com\/buscador_20179478954\/corteconstitucionalcronologico202454587\/t-334-03\/\" class=\"_self pt-cv-readmore btn btn-success\" target=\"_self\">Ver Sentencia Completa...<\/a><\/div><\/div><\/div><\/div>\n<div class=\"col-md-12 col-sm-12 col-xs-12 pt-cv-content-item pt-cv-1-col\" ><div class='pt-cv-ifield'><a href=\"https:\/\/www.dmsjuridica.com\/buscador_20179478954\/corteconstitucionalcronologico202454587\/t-326-03\/\" class=\"_self pt-cv-href-thumbnail pt-cv-thumb-default\" target=\"_self\" ><\/a>\n<div class=\"pt-cv-taxoterm above_title\"><a href='https:\/\/www.dmsjuridica.com\/buscador_20179478954\/corteconstitucionalcronologico202454587\/category\/buscar-en-toda-la-corte\/2003\/tutelas-2003\/' title='Tutelas 2003' class='pt-cv-tax-tutelas-2003'>Tutelas 2003<\/a><\/div>\n<h4 class=\"pt-cv-title\"><a href=\"https:\/\/www.dmsjuridica.com\/buscador_20179478954\/corteconstitucionalcronologico202454587\/t-326-03\/\" class=\"_self\" target=\"_self\" >T-326-03<\/a><\/h4>\n<div class=\"pt-cv-content\">\u00a0 \u00a0 Sentencia T-326\/03 \u00a0 DERECHO DE PETICION-T\u00e9rmino para resolver reconocimiento y pago de pensiones \u00a0 PENSION DE JUBILACION-T\u00e9rmino de seis meses para tr\u00e1mite y pago\u00a0 \u00a0 Reiteraci\u00f3n de Jurisprudencia \u00a0 Referencia: expedientes acumulados T-711.844, T-711.886, T-711.889,T-711.898, T-711.924, T-712.276, T-712.638, T-712.973, T-714.161, T-715.379, T-715.480, T-715.683, T-716.076, T-716.077, T-716.147, T-716.180, y T-716.148. \u00a0 Acci\u00f3n de tutela instaurada contra Cajanal Seccionales Bucaramanga, Medell\u00edn y Bogot\u00e1. \u00a0 Procedencia: Juzgados 49 Penal del Circuito de Bogot\u00e1, Tribunal Superior de Bogot\u00e1 Sala Penal, Juzgado 2 Civil del Circuito de Bogot\u00e1, \u00a0Juzgado 2 Laboral del Circuito de Medell\u00edn, Juzgado 12 Civil del Circuito de Bogot\u00e1, Juzgado ...<br \/><div class=\"pt-cv-rmwrap\"><a href=\"https:\/\/www.dmsjuridica.com\/buscador_20179478954\/corteconstitucionalcronologico202454587\/t-326-03\/\" class=\"_self pt-cv-readmore btn btn-success\" target=\"_self\">Ver Sentencia Completa...<\/a><\/div><\/div><\/div><\/div>\n<div class=\"col-md-12 col-sm-12 col-xs-12 pt-cv-content-item pt-cv-1-col\" ><div class='pt-cv-ifield'><a href=\"https:\/\/www.dmsjuridica.com\/buscador_20179478954\/corteconstitucionalcronologico202454587\/t-325-03\/\" class=\"_self pt-cv-href-thumbnail pt-cv-thumb-default\" target=\"_self\" ><\/a>\n<div class=\"pt-cv-taxoterm above_title\"><a href='https:\/\/www.dmsjuridica.com\/buscador_20179478954\/corteconstitucionalcronologico202454587\/category\/buscar-en-toda-la-corte\/2003\/tutelas-2003\/' title='Tutelas 2003' class='pt-cv-tax-tutelas-2003'>Tutelas 2003<\/a><\/div>\n<h4 class=\"pt-cv-title\"><a href=\"https:\/\/www.dmsjuridica.com\/buscador_20179478954\/corteconstitucionalcronologico202454587\/t-325-03\/\" class=\"_self\" target=\"_self\" >T-325-03<\/a><\/h4>\n<div class=\"pt-cv-content\">\u00a0 \u00a0 Sentencia T-325\/03 \u00a0 DERECHO DE PETICION-T\u00e9rmino para resolver reconocimiento y pago de pensiones\/PENSION DE JUBILACION-T\u00e9rmino de seis meses para tr\u00e1mite y pago \u00a0 Las entidades p\u00fablicas o privadas del Sistema General de Pensiones para hacer efectivo el derecho solicitado, cuentan, en total, con un t\u00e9rmino m\u00e1ximo de seis meses para tramitar y comenzar a pagar la pensi\u00f3n respectiva, que se distribuyen as\u00ed: quince d\u00edas para atender preliminarmente la petici\u00f3n y hacer las indicaciones que fueren pertinentes al solicitante; cuatro meses para resolver la solicitud de la petici\u00f3n en concreto, de tal manera que se comience a pagar la ...<br \/><div class=\"pt-cv-rmwrap\"><a href=\"https:\/\/www.dmsjuridica.com\/buscador_20179478954\/corteconstitucionalcronologico202454587\/t-325-03\/\" class=\"_self pt-cv-readmore btn btn-success\" target=\"_self\">Ver Sentencia Completa...<\/a><\/div><\/div><\/div><\/div>\n<div class=\"col-md-12 col-sm-12 col-xs-12 pt-cv-content-item pt-cv-1-col\" ><div class='pt-cv-ifield'><a href=\"https:\/\/www.dmsjuridica.com\/buscador_20179478954\/corteconstitucionalcronologico202454587\/t-324-03\/\" class=\"_self pt-cv-href-thumbnail pt-cv-thumb-default\" target=\"_self\" ><\/a>\n<div class=\"pt-cv-taxoterm above_title\"><a href='https:\/\/www.dmsjuridica.com\/buscador_20179478954\/corteconstitucionalcronologico202454587\/category\/buscar-en-toda-la-corte\/2003\/tutelas-2003\/' title='Tutelas 2003' class='pt-cv-tax-tutelas-2003'>Tutelas 2003<\/a><\/div>\n<h4 class=\"pt-cv-title\"><a href=\"https:\/\/www.dmsjuridica.com\/buscador_20179478954\/corteconstitucionalcronologico202454587\/t-324-03\/\" class=\"_self\" target=\"_self\" >T-324-03<\/a><\/h4>\n<div class=\"pt-cv-content\">\u00a0 \u00a0 Sentencia T-324\/03 \u00a0 DERECHO A LA CONTINUIDAD EN EL SERVICIO DE SALUD-Entrega de medicamento recetado \u00a0 Referencia: expediente T-699.494 \u00a0 Acci\u00f3n de tutela instaurada por Alicia Andrade Mar\u00edn contra el Fondo de Previsi\u00f3n Social del Congreso de la Rep\u00fablica. \u00a0 Magistrado Ponente: \u00a0 Dr ALFREDO BELTR\u00c1N SIERRA \u00a0 Bogot\u00e1, D.C., veinticuatro (24) de abril de dos mil tres (2003).\u00a0 \u00a0 \u00a0 \u00a0 La Sala Segunda de Revisi\u00f3n de la Corte Constitucional, en ejercicio de sus competencias constitucionales y legales, ha proferido la siguiente\u00a0 \u00a0 SENTENCIA\u00a0 \u00a0 en el proceso de revisi\u00f3n del fallo del Juzgado Treinta y Nueve ...<br \/><div class=\"pt-cv-rmwrap\"><a href=\"https:\/\/www.dmsjuridica.com\/buscador_20179478954\/corteconstitucionalcronologico202454587\/t-324-03\/\" class=\"_self pt-cv-readmore btn btn-success\" target=\"_self\">Ver Sentencia Completa...<\/a><\/div><\/div><\/div><\/div>\n<div class=\"col-md-12 col-sm-12 col-xs-12 pt-cv-content-item pt-cv-1-col\" ><div class='pt-cv-ifield'><a href=\"https:\/\/www.dmsjuridica.com\/buscador_20179478954\/corteconstitucionalcronologico202454587\/t-323-03\/\" class=\"_self pt-cv-href-thumbnail pt-cv-thumb-default\" target=\"_self\" ><\/a>\n<div class=\"pt-cv-taxoterm above_title\"><a href='https:\/\/www.dmsjuridica.com\/buscador_20179478954\/corteconstitucionalcronologico202454587\/category\/buscar-en-toda-la-corte\/2003\/tutelas-2003\/' title='Tutelas 2003' class='pt-cv-tax-tutelas-2003'>Tutelas 2003<\/a><\/div>\n<h4 class=\"pt-cv-title\"><a href=\"https:\/\/www.dmsjuridica.com\/buscador_20179478954\/corteconstitucionalcronologico202454587\/t-323-03\/\" class=\"_self\" target=\"_self\" >T-323-03<\/a><\/h4>\n<div class=\"pt-cv-content\">\u00a0 \u00a0 \u00a0 \u00a0 Sentencia T-323\/03 \u00a0 ACCION DE TUTELA CONTRA ENTIDAD FINANCIERA-Procedencia \u00a0 ENTIDAD BANCARIA-Posici\u00f3n dominante \u00a0 ENTIDAD FINANCIERA-Modificaci\u00f3n unilateral reliquidaci\u00f3n cr\u00e9dito hipotecario \u00a0 DERECHO DE PETICION FRENTE A ENTIDAD BANCARIA-Respuesta sobre condiciones exactas del cr\u00e9dito \u00a0 DEBIDO PROCESO-Vulneraci\u00f3n de Granahorrar al solicitar saldo despu\u00e9s de expedido el paz y salvo\/ENTIDAD BANCARIA-No debe abusar de su posici\u00f3n dominante \u00a0 SUPERINTENDENCIA BANCARIA-Control y vigilancia de entidades financieras para evitar abuso a usuarios \u00a0 Referencia: expedientes T-680286, T-690441, T-690449 \u00a0 Demandantes: Alfonso Jes\u00fas Ram\u00f3n Ospina E., Ana Thelma Arrieta G., Alvaro Franco Ni\u00f1o y otra.\u00a0 \u00a0 Demandado: Banco Granahorrar S.A.\u00a0 \u00a0 ...<br \/><div class=\"pt-cv-rmwrap\"><a href=\"https:\/\/www.dmsjuridica.com\/buscador_20179478954\/corteconstitucionalcronologico202454587\/t-323-03\/\" class=\"_self pt-cv-readmore btn btn-success\" target=\"_self\">Ver Sentencia Completa...<\/a><\/div><\/div><\/div><\/div>\n<div class=\"col-md-12 col-sm-12 col-xs-12 pt-cv-content-item pt-cv-1-col\" ><div class='pt-cv-ifield'><a href=\"https:\/\/www.dmsjuridica.com\/buscador_20179478954\/corteconstitucionalcronologico202454587\/t-322-03\/\" class=\"_self pt-cv-href-thumbnail pt-cv-thumb-default\" target=\"_self\" ><\/a>\n<div class=\"pt-cv-taxoterm above_title\"><a href='https:\/\/www.dmsjuridica.com\/buscador_20179478954\/corteconstitucionalcronologico202454587\/category\/buscar-en-toda-la-corte\/2003\/tutelas-2003\/' title='Tutelas 2003' class='pt-cv-tax-tutelas-2003'>Tutelas 2003<\/a><\/div>\n<h4 class=\"pt-cv-title\"><a href=\"https:\/\/www.dmsjuridica.com\/buscador_20179478954\/corteconstitucionalcronologico202454587\/t-322-03\/\" class=\"_self\" target=\"_self\" >T-322-03<\/a><\/h4>\n<div class=\"pt-cv-content\">\u00a0 \u00a0 Sentencia T-322\/03 \u00a0 DERECHO AL MINIMO VITAL DEL TRABAJADOR-Pago oportuno de salarios \u00a0 Reiteraci\u00f3n de Jurisprudencia \u00a0 Referencia: expediente T-686054 \u00a0 Acci\u00f3n de tutela instaurada por Mar\u00eda Floralba Rodr\u00edguez Ni\u00f1o contra Hospital Regional de Sogamoso E.S.E.\u00a0 \u00a0 Magistrado Ponente: \u00a0 Dr. EDUARDO MONTEALEGRE LYNETT \u00a0 Bogot\u00e1 D.C., veinticuatro (24) de abril de dos mil tres (2003). \u00a0 La Sala S\u00e9ptima de Revisi\u00f3n de la Corte Constitucional, en ejercicio de sus competencias constitucionales y legales, espec\u00edficamente las previstas en los art\u00edculos 86 y 241 numeral 9 de la Constituci\u00f3n Pol\u00edtica y en el Decreto 2591 de 1991, ha proferido ...<br \/><div class=\"pt-cv-rmwrap\"><a href=\"https:\/\/www.dmsjuridica.com\/buscador_20179478954\/corteconstitucionalcronologico202454587\/t-322-03\/\" class=\"_self pt-cv-readmore btn btn-success\" target=\"_self\">Ver Sentencia Completa...<\/a><\/div><\/div><\/div><\/div>\n<div class=\"col-md-12 col-sm-12 col-xs-12 pt-cv-content-item pt-cv-1-col\" ><div class='pt-cv-ifield'><a href=\"https:\/\/www.dmsjuridica.com\/buscador_20179478954\/corteconstitucionalcronologico202454587\/t-321-03\/\" class=\"_self pt-cv-href-thumbnail pt-cv-thumb-default\" target=\"_self\" ><\/a>\n<div class=\"pt-cv-taxoterm above_title\"><a href='https:\/\/www.dmsjuridica.com\/buscador_20179478954\/corteconstitucionalcronologico202454587\/category\/buscar-en-toda-la-corte\/2003\/tutelas-2003\/' title='Tutelas 2003' class='pt-cv-tax-tutelas-2003'>Tutelas 2003<\/a><\/div>\n<h4 class=\"pt-cv-title\"><a href=\"https:\/\/www.dmsjuridica.com\/buscador_20179478954\/corteconstitucionalcronologico202454587\/t-321-03\/\" class=\"_self\" target=\"_self\" >T-321-03<\/a><\/h4>\n<div class=\"pt-cv-content\">\u00a0 \u00a0 \u00a0\u00a0 Sentencia T-321\/03 \u00a0 ACCION DE TUTELA PARA CUMPLIMIENTO DE SENTENCIAS-Alcance\/OBLIGACION DE DAR-Cumplimiento por proceso ejecutivo \u00a0 La Corte Constitucional ha sostenido que es improcedente la tutela cuando se trata de exigir el pago de una suma de dinero reconocida por \u00a0una sentencia. La acci\u00f3n de amparo solo es viable cuando se exige la obligaci\u00f3n de hacer, que en el presente caso ser\u00eda el reintegro al trabajo. Se dijo anteriormente que la jurisprudencia constitucional colombiana indica que la tutela no es la v\u00eda adecuada para exigir el cumplimiento de sentencias que imponen una obligaci\u00f3n de dar. En el ...<br \/><div class=\"pt-cv-rmwrap\"><a href=\"https:\/\/www.dmsjuridica.com\/buscador_20179478954\/corteconstitucionalcronologico202454587\/t-321-03\/\" class=\"_self pt-cv-readmore btn btn-success\" target=\"_self\">Ver Sentencia Completa...<\/a><\/div><\/div><\/div><\/div>\n<div class=\"col-md-12 col-sm-12 col-xs-12 pt-cv-content-item pt-cv-1-col\" ><div class='pt-cv-ifield'><a href=\"https:\/\/www.dmsjuridica.com\/buscador_20179478954\/corteconstitucionalcronologico202454587\/t-320-03\/\" class=\"_self pt-cv-href-thumbnail pt-cv-thumb-default\" target=\"_self\" ><\/a>\n<div class=\"pt-cv-taxoterm above_title\"><a href='https:\/\/www.dmsjuridica.com\/buscador_20179478954\/corteconstitucionalcronologico202454587\/category\/buscar-en-toda-la-corte\/2003\/tutelas-2003\/' title='Tutelas 2003' class='pt-cv-tax-tutelas-2003'>Tutelas 2003<\/a><\/div>\n<h4 class=\"pt-cv-title\"><a href=\"https:\/\/www.dmsjuridica.com\/buscador_20179478954\/corteconstitucionalcronologico202454587\/t-320-03\/\" class=\"_self\" target=\"_self\" >T-320-03<\/a><\/h4>\n<div class=\"pt-cv-content\">\u00a0 \u00a0 \u00a0\u00a0 Sentencia T-320\/03 \u00a0 PENSION DE VEJEZ-Definici\u00f3n \u00a0 PENSION DE VEJEZ-Reconocimiento \u00a0 BONOS PENSIONALES-No emisi\u00f3n no es obst\u00e1culo para obtener pensi\u00f3n de jubilaci\u00f3n \u00a0 ACCION DE TUTELA-Hecho superado \u00a0 Referencia: expediente T-683051 \u00a0 Peticionario: Julio C\u00e9sar Calder\u00f3n Orozco\u00a0 \u00a0 Accionado: Instituto de los Seguros Sociales \u00a0 Magistrado Ponente:\u00a0 \u00a0 Dr. MARCO GERARDO MONROY CABRA \u00a0 Bogot\u00e1 D.C., \u00a0veinticuatro \u00a0(24) de abril de dos mil tres (2003). \u00a0 La Sala Sexta de la Corte Constitucional, integrada por los Magistrados doctores, Eduardo Montealegre Lynett, Alvaro Tafur Galvis y Marco Gerardo Monroy Cabra, quien la preside, en ejercicio de sus competencias ...<br \/><div class=\"pt-cv-rmwrap\"><a href=\"https:\/\/www.dmsjuridica.com\/buscador_20179478954\/corteconstitucionalcronologico202454587\/t-320-03\/\" class=\"_self pt-cv-readmore btn btn-success\" target=\"_self\">Ver Sentencia Completa...<\/a><\/div><\/div><\/div><\/div>\n<div class=\"col-md-12 col-sm-12 col-xs-12 pt-cv-content-item pt-cv-1-col\" ><div class='pt-cv-ifield'><a href=\"https:\/\/www.dmsjuridica.com\/buscador_20179478954\/corteconstitucionalcronologico202454587\/t-319-03\/\" class=\"_self pt-cv-href-thumbnail pt-cv-thumb-default\" target=\"_self\" ><\/a>\n<div class=\"pt-cv-taxoterm above_title\"><a href='https:\/\/www.dmsjuridica.com\/buscador_20179478954\/corteconstitucionalcronologico202454587\/category\/buscar-en-toda-la-corte\/2003\/tutelas-2003\/' title='Tutelas 2003' class='pt-cv-tax-tutelas-2003'>Tutelas 2003<\/a><\/div>\n<h4 class=\"pt-cv-title\"><a href=\"https:\/\/www.dmsjuridica.com\/buscador_20179478954\/corteconstitucionalcronologico202454587\/t-319-03\/\" class=\"_self\" target=\"_self\" >T-319-03<\/a><\/h4>\n<div class=\"pt-cv-content\">\u00a0 \u00a0 Sentencia T-319\/03 \u00a0 DERECHO A LA SALUD-Fundamental por conexidad con la vida \u00a0 DERECHO A LA SALUD-Orden de atenci\u00f3n del m\u00e9dico tratante \u00a0 Se deben cumplir las determinaciones del m\u00e9dico tratante. Se entiende por m\u00e9dico tratante el que tiene una relaci\u00f3n laboral con la EPS o la IPS \u00a0a la cual est\u00e1 adscrito el usuario y por supuesto donde se halla la historia cl\u00ednica del cotizante o del beneficiario.\u00a0 \u00a0 EMPRESA PROMOTORA DE SALUD-No puede negarse a prestar el tratamiento completo\/INAPLICACION DE NORMAS DEL PLAN OBLIGATORIO DE SALUD-Casos en que procede por exclusi\u00f3n de tratamientos y medicamentos de ...<br \/><div class=\"pt-cv-rmwrap\"><a href=\"https:\/\/www.dmsjuridica.com\/buscador_20179478954\/corteconstitucionalcronologico202454587\/t-319-03\/\" class=\"_self pt-cv-readmore btn btn-success\" target=\"_self\">Ver Sentencia Completa...<\/a><\/div><\/div><\/div><\/div>\n<div class=\"col-md-12 col-sm-12 col-xs-12 pt-cv-content-item pt-cv-1-col\" ><div class='pt-cv-ifield'><a href=\"https:\/\/www.dmsjuridica.com\/buscador_20179478954\/corteconstitucionalcronologico202454587\/t-315-03\/\" class=\"_self pt-cv-href-thumbnail pt-cv-thumb-default\" target=\"_self\" ><\/a>\n<div class=\"pt-cv-taxoterm above_title\"><a href='https:\/\/www.dmsjuridica.com\/buscador_20179478954\/corteconstitucionalcronologico202454587\/category\/buscar-en-toda-la-corte\/2003\/tutelas-2003\/' title='Tutelas 2003' class='pt-cv-tax-tutelas-2003'>Tutelas 2003<\/a><\/div>\n<h4 class=\"pt-cv-title\"><a href=\"https:\/\/www.dmsjuridica.com\/buscador_20179478954\/corteconstitucionalcronologico202454587\/t-315-03\/\" class=\"_self\" target=\"_self\" >T-315-03<\/a><\/h4>\n<div class=\"pt-cv-content\">\u00a0 \u00a0 Sentencia T-315\/03 \u00a0 SERVICIO MILITAR-Atenci\u00f3n m\u00e9dica de quien adquiere enfermedad durante su prestaci\u00f3n \u00a0 DERECHO A LA SALUD DE INFANTE DE MARINA-Atenci\u00f3n m\u00e9dica por la Armada aunque ya no se encuentre prestando el servicio militar\/DERECHO A LA SALUD DE INFANTE DE MARINA-Determinaci\u00f3n por la Armada sobre riesgo de infecci\u00f3n por accidente sufrido durante el servicio \u00a0 De acuerdo con la jurisprudencia de la Corte Constitucional citada en este fallo, el accionante tiene derecho a recibir atenci\u00f3n m\u00e9dica respecto de las afecciones que haya sufrido en cumplimiento del servicio militar aunque ya no se encuentre vinculado a la Armada, ...<br \/><div class=\"pt-cv-rmwrap\"><a href=\"https:\/\/www.dmsjuridica.com\/buscador_20179478954\/corteconstitucionalcronologico202454587\/t-315-03\/\" class=\"_self pt-cv-readmore btn btn-success\" target=\"_self\">Ver Sentencia Completa...<\/a><\/div><\/div><\/div><\/div>\n<div class=\"col-md-12 col-sm-12 col-xs-12 pt-cv-content-item pt-cv-1-col\" ><div class='pt-cv-ifield'><a href=\"https:\/\/www.dmsjuridica.com\/buscador_20179478954\/corteconstitucionalcronologico202454587\/t-314-03\/\" class=\"_self pt-cv-href-thumbnail pt-cv-thumb-default\" target=\"_self\" ><\/a>\n<div class=\"pt-cv-taxoterm above_title\"><a href='https:\/\/www.dmsjuridica.com\/buscador_20179478954\/corteconstitucionalcronologico202454587\/category\/buscar-en-toda-la-corte\/2003\/tutelas-2003\/' title='Tutelas 2003' class='pt-cv-tax-tutelas-2003'>Tutelas 2003<\/a><\/div>\n<h4 class=\"pt-cv-title\"><a href=\"https:\/\/www.dmsjuridica.com\/buscador_20179478954\/corteconstitucionalcronologico202454587\/t-314-03\/\" class=\"_self\" target=\"_self\" >T-314-03<\/a><\/h4>\n<div class=\"pt-cv-content\">\u00a0 \u00a0 Sentencia T-314\/03 \u00a0 ACCION DE TUTELA-Hecho superado \u00a0 Reiteraci\u00f3n de Jurisprudencia \u00a0 Referencia: expediente T-689454 \u00a0 Acci\u00f3n de tutela instaurada por Silvio Alzate L\u00f3pez contra la Red de Solidaridad Social \u2013 Seccional Meta \u00a0 Magistrado Ponente:\u00a0 \u00a0 Dr. MANUEL JOS\u00c9 CEPEDA ESPINOSA \u00a0 Bogot\u00e1, D.C., veintitr\u00e9s (23) de abril de dos mil tres (2003). \u00a0 1.1. Silvio Alzate L\u00f3pez interpuso acci\u00f3n de tutela contra la Red de Solidaridad Social \u2013 Seccional Meta el 19 de noviembre de 2002 con el prop\u00f3sito de que se le protegiera su derecho de petici\u00f3n. Se\u00f1ala que no ha recibido respuesta a la ...<br \/><div class=\"pt-cv-rmwrap\"><a href=\"https:\/\/www.dmsjuridica.com\/buscador_20179478954\/corteconstitucionalcronologico202454587\/t-314-03\/\" class=\"_self pt-cv-readmore btn btn-success\" target=\"_self\">Ver Sentencia Completa...<\/a><\/div><\/div><\/div><\/div>\n<div class=\"col-md-12 col-sm-12 col-xs-12 pt-cv-content-item pt-cv-1-col\" ><div class='pt-cv-ifield'><a href=\"https:\/\/www.dmsjuridica.com\/buscador_20179478954\/corteconstitucionalcronologico202454587\/t-310-03\/\" class=\"_self pt-cv-href-thumbnail pt-cv-thumb-default\" target=\"_self\" ><\/a>\n<div class=\"pt-cv-taxoterm above_title\"><a href='https:\/\/www.dmsjuridica.com\/buscador_20179478954\/corteconstitucionalcronologico202454587\/category\/buscar-en-toda-la-corte\/2003\/tutelas-2003\/' title='Tutelas 2003' class='pt-cv-tax-tutelas-2003'>Tutelas 2003<\/a><\/div>\n<h4 class=\"pt-cv-title\"><a href=\"https:\/\/www.dmsjuridica.com\/buscador_20179478954\/corteconstitucionalcronologico202454587\/t-310-03\/\" class=\"_self\" target=\"_self\" >T-310-03<\/a><\/h4>\n<div class=\"pt-cv-content\">ORDEN DE CAPTURA-Registro y cancelaci\u00f3n \u00a0 La funci\u00f3n de registrar las \u00f3rdenes de captura y su cancelaci\u00f3n genera obligaciones compartidas entre la rama judicial, representada por jueces, magistrados y Fiscal\u00eda y la rama ejecutiva, a trav\u00e9s de sus organismos de seguridad como son el Departamento Administrativo de Seguridad -DAS- y la Direcci\u00f3n Central de Polic\u00eda Judicial -DIJIN-, adscrita a la Polic\u00eda General. El registro de las \u00f3rdenes de captura y su cancelaci\u00f3n, como puede inferirse, es una obligaci\u00f3n del Estado que de no cumplirse de manera oportuna puede obstaculizar el cumplimiento de lo preceptuado en el art\u00edculo 2\u00ba de la ...<br \/><div class=\"pt-cv-rmwrap\"><a href=\"https:\/\/www.dmsjuridica.com\/buscador_20179478954\/corteconstitucionalcronologico202454587\/t-310-03\/\" class=\"_self pt-cv-readmore btn btn-success\" target=\"_self\">Ver Sentencia Completa...<\/a><\/div><\/div><\/div><\/div>\n<div class=\"col-md-12 col-sm-12 col-xs-12 pt-cv-content-item pt-cv-1-col\" ><div class='pt-cv-ifield'><a href=\"https:\/\/www.dmsjuridica.com\/buscador_20179478954\/corteconstitucionalcronologico202454587\/t-309-03\/\" class=\"_self pt-cv-href-thumbnail pt-cv-thumb-default\" target=\"_self\" ><\/a>\n<div class=\"pt-cv-taxoterm above_title\"><a href='https:\/\/www.dmsjuridica.com\/buscador_20179478954\/corteconstitucionalcronologico202454587\/category\/buscar-en-toda-la-corte\/2003\/tutelas-2003\/' title='Tutelas 2003' class='pt-cv-tax-tutelas-2003'>Tutelas 2003<\/a><\/div>\n<h4 class=\"pt-cv-title\"><a href=\"https:\/\/www.dmsjuridica.com\/buscador_20179478954\/corteconstitucionalcronologico202454587\/t-309-03\/\" class=\"_self\" target=\"_self\" >T-309-03<\/a><\/h4>\n<div class=\"pt-cv-content\">\u00a0 \u00a0 Sentencia T-309\/03 \u00a0 PROCESO DISCIPLINARIO CONTRA ESTUDIANTE DE DERECHO Y DEBIDO PROCESO \u00a0 La Corte ha sido constante en afirmar que en el curso de los procesos disciplinarios que adelanten las instituciones de educaci\u00f3n superior debe respetarse el derecho fundamental al debido proceso, lo cual conlleva a que, por lo m\u00ednimo, el comportamiento reprochable y su correspondiente sanci\u00f3n se encuentren establecidos con antelaci\u00f3n a la comisi\u00f3n del hecho, que al estudiante se le garantice el ejercicio de su derecho defensa en el sentido de poder aportar pruebas y controvertir las que se aduzcan en su contra, que el ...<br \/><div class=\"pt-cv-rmwrap\"><a href=\"https:\/\/www.dmsjuridica.com\/buscador_20179478954\/corteconstitucionalcronologico202454587\/t-309-03\/\" class=\"_self pt-cv-readmore btn btn-success\" target=\"_self\">Ver Sentencia Completa...<\/a><\/div><\/div><\/div><\/div>\n<div class=\"col-md-12 col-sm-12 col-xs-12 pt-cv-content-item pt-cv-1-col\" ><div class='pt-cv-ifield'><a href=\"https:\/\/www.dmsjuridica.com\/buscador_20179478954\/corteconstitucionalcronologico202454587\/t-308-03\/\" class=\"_self pt-cv-href-thumbnail pt-cv-thumb-default\" target=\"_self\" ><\/a>\n<div class=\"pt-cv-taxoterm above_title\"><a href='https:\/\/www.dmsjuridica.com\/buscador_20179478954\/corteconstitucionalcronologico202454587\/category\/buscar-en-toda-la-corte\/2003\/tutelas-2003\/' title='Tutelas 2003' class='pt-cv-tax-tutelas-2003'>Tutelas 2003<\/a><\/div>\n<h4 class=\"pt-cv-title\"><a href=\"https:\/\/www.dmsjuridica.com\/buscador_20179478954\/corteconstitucionalcronologico202454587\/t-308-03\/\" class=\"_self\" target=\"_self\" >T-308-03<\/a><\/h4>\n<div class=\"pt-cv-content\">\u00a0 \u00a0 Sentencia T-308\/03 \u00a0 ACCION DE TUTELA-Hecho superado \u00a0 Referencia: expediente T-676138 \u00a0 Acci\u00f3n de tutela instaurada por Neferty Yolanda Delgado contra el Seguro Social Seccional Norte de Santander. \u00a0 Magistrado Ponente: \u00a0 Dr. RODRIGO ESCOBAR GIL \u00a0 Bogot\u00e1, D.C., \u00a0once (11) de abril de dos mil tres (2003). \u00a0 La Sala Quinta de Revisi\u00f3n de la Corte Constitucional, conformada por los magistrados Rodrigo Escobar Gil, quien la preside, Marco Gerardo Monroy Cabra y Eduardo Montealegre Lynett, en ejercicio de sus facultades constitucionales y legales, en especial las que le confiere el Decreto 2591 de 1991, procede a dictar ...<br \/><div class=\"pt-cv-rmwrap\"><a href=\"https:\/\/www.dmsjuridica.com\/buscador_20179478954\/corteconstitucionalcronologico202454587\/t-308-03\/\" class=\"_self pt-cv-readmore btn btn-success\" target=\"_self\">Ver Sentencia Completa...<\/a><\/div><\/div><\/div><\/div>\n<div class=\"col-md-12 col-sm-12 col-xs-12 pt-cv-content-item pt-cv-1-col\" ><div class='pt-cv-ifield'><a href=\"https:\/\/www.dmsjuridica.com\/buscador_20179478954\/corteconstitucionalcronologico202454587\/t-307-03\/\" class=\"_self pt-cv-href-thumbnail pt-cv-thumb-default\" target=\"_self\" ><\/a>\n<div class=\"pt-cv-taxoterm above_title\"><a href='https:\/\/www.dmsjuridica.com\/buscador_20179478954\/corteconstitucionalcronologico202454587\/category\/buscar-en-toda-la-corte\/2003\/tutelas-2003\/' title='Tutelas 2003' class='pt-cv-tax-tutelas-2003'>Tutelas 2003<\/a><\/div>\n<h4 class=\"pt-cv-title\"><a href=\"https:\/\/www.dmsjuridica.com\/buscador_20179478954\/corteconstitucionalcronologico202454587\/t-307-03\/\" class=\"_self\" target=\"_self\" >T-307-03<\/a><\/h4>\n<div class=\"pt-cv-content\">\u00a0 \u00a0 Sentencia T-307\/03 \u00a0 VIA DE HECHO EN PROCESO DE INVESTIGACION DE PATERNIDAD-Inexistencia por cuanto no se hizo uso de medios de impugnaci\u00f3n previstos para objetar el reconocimiento de la menor \u00a0 Trat\u00e1ndose de instrumentos dirigidos a la preservaci\u00f3n de los derechos, el medio judicial por excelencia es el proceso, tal como lo acreditan sus remotos or\u00edgenes.\u201d Era all\u00ed, en el escenario del proceso de filiaci\u00f3n en donde, a trav\u00e9s de los recursos que le brindaba la ley, el demandante debi\u00f3 hacer valer sus reparos contra las decisiones judiciales que estimaba contrarias a derecho. El no haberlo hecho as\u00ed, ...<br \/><div class=\"pt-cv-rmwrap\"><a href=\"https:\/\/www.dmsjuridica.com\/buscador_20179478954\/corteconstitucionalcronologico202454587\/t-307-03\/\" class=\"_self pt-cv-readmore btn btn-success\" target=\"_self\">Ver Sentencia Completa...<\/a><\/div><\/div><\/div><\/div>\n<div class=\"col-md-12 col-sm-12 col-xs-12 pt-cv-content-item pt-cv-1-col\" ><div class='pt-cv-ifield'><a href=\"https:\/\/www.dmsjuridica.com\/buscador_20179478954\/corteconstitucionalcronologico202454587\/t-306-03\/\" class=\"_self pt-cv-href-thumbnail pt-cv-thumb-default\" target=\"_self\" ><\/a>\n<div class=\"pt-cv-taxoterm above_title\"><a href='https:\/\/www.dmsjuridica.com\/buscador_20179478954\/corteconstitucionalcronologico202454587\/category\/buscar-en-toda-la-corte\/2003\/tutelas-2003\/' title='Tutelas 2003' class='pt-cv-tax-tutelas-2003'>Tutelas 2003<\/a><\/div>\n<h4 class=\"pt-cv-title\"><a href=\"https:\/\/www.dmsjuridica.com\/buscador_20179478954\/corteconstitucionalcronologico202454587\/t-306-03\/\" class=\"_self\" target=\"_self\" >T-306-03<\/a><\/h4>\n<div class=\"pt-cv-content\">\u00a0 \u00a0 Sentencia T-306\/03 \u00a0 DERECHO DE PETICION-Alcance \u00a0 DERECHO DE PETICION FRENTE AL SILENCIO ADMINISTRATIVO NEGATIVO-Deber de resolver la solicitud \u00a0 DERECHO DE PETICION EN VIA GUBERNATIVA-Resoluci\u00f3n oportuna de recursos \u00a0 DERECHO DE PETICION-Respuestas no deben ser evasivas\/DERECHO DE PETICION-Respuesta oportuna y de fondo \u00a0 La simple manifestaci\u00f3n de la administraci\u00f3n en el sentido de que la solicitud ser\u00e1 resuelta con posterioridad de forma definitiva y eficaz, no satisface el derecho de petici\u00f3n, pues en realidad, se trata de una respuesta simplemente formal o evasiva, destinada a distraer el cumplimiento de su deber constitucional y, por ende, en abierta ...<br \/><div class=\"pt-cv-rmwrap\"><a href=\"https:\/\/www.dmsjuridica.com\/buscador_20179478954\/corteconstitucionalcronologico202454587\/t-306-03\/\" class=\"_self pt-cv-readmore btn btn-success\" target=\"_self\">Ver Sentencia Completa...<\/a><\/div><\/div><\/div><\/div>\n<div class=\"col-md-12 col-sm-12 col-xs-12 pt-cv-content-item pt-cv-1-col\" ><div class='pt-cv-ifield'><a href=\"https:\/\/www.dmsjuridica.com\/buscador_20179478954\/corteconstitucionalcronologico202454587\/t-305-03\/\" class=\"_self pt-cv-href-thumbnail pt-cv-thumb-default\" target=\"_self\" ><\/a>\n<div class=\"pt-cv-taxoterm above_title\"><a href='https:\/\/www.dmsjuridica.com\/buscador_20179478954\/corteconstitucionalcronologico202454587\/category\/buscar-en-toda-la-corte\/2003\/tutelas-2003\/' title='Tutelas 2003' class='pt-cv-tax-tutelas-2003'>Tutelas 2003<\/a><\/div>\n<h4 class=\"pt-cv-title\"><a href=\"https:\/\/www.dmsjuridica.com\/buscador_20179478954\/corteconstitucionalcronologico202454587\/t-305-03\/\" class=\"_self\" target=\"_self\" >T-305-03<\/a><\/h4>\n<div class=\"pt-cv-content\">\u00a0 \u00a0 Sentencia T-305\/03 \u00a0 VIA DE HECHO EN PROCESO DE INVESTIGACION DE PATERNIDAD-Inexistencia por cuanto no se hizo uso de medios de impugnaci\u00f3n previstos para obtener reconocimiento de la menor \u00a0 Ante la manifestaci\u00f3n expresa de no ejercer los medios de impugnaci\u00f3n previstos para dicho proceso, no puede la actora ahora solicitar la protecci\u00f3n de los derechos fundamentales al debido proceso y a la filiaci\u00f3n de su hija menor a trav\u00e9s de la acci\u00f3n de tutela, la cual, se reitera, constituye un mecanismo residual y subsidiario, que no ha sido instituido para revivir instancias perdidas. La decisi\u00f3n tomada por ...<br \/><div class=\"pt-cv-rmwrap\"><a href=\"https:\/\/www.dmsjuridica.com\/buscador_20179478954\/corteconstitucionalcronologico202454587\/t-305-03\/\" class=\"_self pt-cv-readmore btn btn-success\" target=\"_self\">Ver Sentencia Completa...<\/a><\/div><\/div><\/div><\/div>\n<div class=\"col-md-12 col-sm-12 col-xs-12 pt-cv-content-item pt-cv-1-col\" ><div class='pt-cv-ifield'><a href=\"https:\/\/www.dmsjuridica.com\/buscador_20179478954\/corteconstitucionalcronologico202454587\/t-304-03\/\" class=\"_self pt-cv-href-thumbnail pt-cv-thumb-default\" target=\"_self\" ><\/a>\n<div class=\"pt-cv-taxoterm above_title\"><a href='https:\/\/www.dmsjuridica.com\/buscador_20179478954\/corteconstitucionalcronologico202454587\/category\/buscar-en-toda-la-corte\/2003\/tutelas-2003\/' title='Tutelas 2003' class='pt-cv-tax-tutelas-2003'>Tutelas 2003<\/a><\/div>\n<h4 class=\"pt-cv-title\"><a href=\"https:\/\/www.dmsjuridica.com\/buscador_20179478954\/corteconstitucionalcronologico202454587\/t-304-03\/\" class=\"_self\" target=\"_self\" >T-304-03<\/a><\/h4>\n<div class=\"pt-cv-content\">\u00a0 \u00a0 \u00a0\u00a0 \u00a0 Sentencia T-304\/03 \u00a0 PENSION DE SOBREVIVIENTES-Fundamental \u00a0 PENSION DE SOBREVIVIENTES-T\u00e9rmino de dos meses para resolver \u00a0 DERECHO DE PETICION EN VIA GUBERNATIVA-T\u00e9rmino de quince d\u00edas para resolver \u00a0 ENTIDAD ADMINISTRADORA DE PENSIONES-Inclusi\u00f3n en n\u00f3mina a pensionados que tienen derecho \u00a0 Referencia: expediente T- 689282\u00a0 \u00a0 Peticionaria: Mar\u00eda In\u00e9s Taborda \u00a0 Procedencia: \u00a0Juzgado 9\u00b0 Laboral de Cali \u00a0 Magistrado Ponente: \u00a0 Dr. MARCO GERARDO MONROY CABRA \u00a0 Bogot\u00e1, D.C., diez (10) de abril de dos mil tres (2003). \u00a0 La Sala Sexta de Revisi\u00f3n de la Corte Constitucional, integrada por los Magistrados Marco Gerardo Monroy Cabra quien ...<br \/><div class=\"pt-cv-rmwrap\"><a href=\"https:\/\/www.dmsjuridica.com\/buscador_20179478954\/corteconstitucionalcronologico202454587\/t-304-03\/\" class=\"_self pt-cv-readmore btn btn-success\" target=\"_self\">Ver Sentencia Completa...<\/a><\/div><\/div><\/div><\/div>\n<div class=\"col-md-12 col-sm-12 col-xs-12 pt-cv-content-item pt-cv-1-col\" ><div class='pt-cv-ifield'><a href=\"https:\/\/www.dmsjuridica.com\/buscador_20179478954\/corteconstitucionalcronologico202454587\/t-303-03\/\" class=\"_self pt-cv-href-thumbnail pt-cv-thumb-default\" target=\"_self\" ><\/a>\n<div class=\"pt-cv-taxoterm above_title\"><a href='https:\/\/www.dmsjuridica.com\/buscador_20179478954\/corteconstitucionalcronologico202454587\/category\/buscar-en-toda-la-corte\/2003\/tutelas-2003\/' title='Tutelas 2003' class='pt-cv-tax-tutelas-2003'>Tutelas 2003<\/a><\/div>\n<h4 class=\"pt-cv-title\"><a href=\"https:\/\/www.dmsjuridica.com\/buscador_20179478954\/corteconstitucionalcronologico202454587\/t-303-03\/\" class=\"_self\" target=\"_self\" >T-303-03<\/a><\/h4>\n<div class=\"pt-cv-content\">\u00a0 \u00a0 Sentencia T-303\/03 \u00a0 DERECHO DE PETICION EN VIA GUBERNATIVA-Resoluci\u00f3n oportuna de recurso de apelaci\u00f3n \u00a0 DERECHO DE PETICION FRENTE AL SILENCIO ADMINISTRATIVO NEGATIVO-Resoluci\u00f3n oportuna de recurso de apelaci\u00f3n \u00a0 Reiteraci\u00f3n de Jurisprudencia \u00a0 Referencia: expediente T-678444 \u00a0 Acci\u00f3n de tutela instaurada por Mar\u00eda Concepci\u00f3n Saldarriaga Saldarriaga contra la Caja Nacional de Previsi\u00f3n Social \u201cCAJANAL\u201d. \u00a0 Magistrado Ponente: \u00a0 Dr. EDUARDO MONTEALEGRE LYNETT \u00a0 Bogot\u00e1, D.C., diez (10) de abril de dos mil tres (2003). \u00a0 La Sala S\u00e9ptima de Revisi\u00f3n de la Corte Constitucional, en ejercicio de sus competencias constitucionales y legales, espec\u00edficamente las previstas en los art\u00edculos ...<br \/><div class=\"pt-cv-rmwrap\"><a href=\"https:\/\/www.dmsjuridica.com\/buscador_20179478954\/corteconstitucionalcronologico202454587\/t-303-03\/\" class=\"_self pt-cv-readmore btn btn-success\" target=\"_self\">Ver Sentencia Completa...<\/a><\/div><\/div><\/div><\/div>\n<div class=\"col-md-12 col-sm-12 col-xs-12 pt-cv-content-item pt-cv-1-col\" ><div class='pt-cv-ifield'><a href=\"https:\/\/www.dmsjuridica.com\/buscador_20179478954\/corteconstitucionalcronologico202454587\/t-302-03\/\" class=\"_self pt-cv-href-thumbnail pt-cv-thumb-default\" target=\"_self\" ><\/a>\n<div class=\"pt-cv-taxoterm above_title\"><a href='https:\/\/www.dmsjuridica.com\/buscador_20179478954\/corteconstitucionalcronologico202454587\/category\/buscar-en-toda-la-corte\/2003\/tutelas-2003\/' title='Tutelas 2003' class='pt-cv-tax-tutelas-2003'>Tutelas 2003<\/a><\/div>\n<h4 class=\"pt-cv-title\"><a href=\"https:\/\/www.dmsjuridica.com\/buscador_20179478954\/corteconstitucionalcronologico202454587\/t-302-03\/\" class=\"_self\" target=\"_self\" >T-302-03<\/a><\/h4>\n<div class=\"pt-cv-content\">\u00a0 \u00a0 Sentencia T-302\/03 \u00a0 VIA DE HECHO POR DEFECTO FACTICO-Modalidades en que se presenta \u00a0 La existencia de un defecto f\u00e1ctico que convierte a una decisi\u00f3n judicial en una v\u00eda de hecho es un asunto al que ya se ha referido con suficiencia esta Corporaci\u00f3n. La jurisprudencia de la Corte en \u00a0materia de defecto f\u00e1ctico es posible identificar al menos tres modalidades, circunscritas por definici\u00f3n al aspecto probatorio que ata\u00f1e a las providencias judiciales y que pueden ser presentadas como sigue: (i) defecto f\u00e1ctico por la omisi\u00f3n en el decreto y la pr\u00e1ctica de pruebas, (ii) defecto f\u00e1ctico por ...<br \/><div class=\"pt-cv-rmwrap\"><a href=\"https:\/\/www.dmsjuridica.com\/buscador_20179478954\/corteconstitucionalcronologico202454587\/t-302-03\/\" class=\"_self pt-cv-readmore btn btn-success\" target=\"_self\">Ver Sentencia Completa...<\/a><\/div><\/div><\/div><\/div>\n<div class=\"col-md-12 col-sm-12 col-xs-12 pt-cv-content-item pt-cv-1-col\" ><div class='pt-cv-ifield'><a href=\"https:\/\/www.dmsjuridica.com\/buscador_20179478954\/corteconstitucionalcronologico202454587\/t-301-03\/\" class=\"_self pt-cv-href-thumbnail pt-cv-thumb-default\" target=\"_self\" ><\/a>\n<div class=\"pt-cv-taxoterm above_title\"><a href='https:\/\/www.dmsjuridica.com\/buscador_20179478954\/corteconstitucionalcronologico202454587\/category\/buscar-en-toda-la-corte\/2003\/tutelas-2003\/' title='Tutelas 2003' class='pt-cv-tax-tutelas-2003'>Tutelas 2003<\/a><\/div>\n<h4 class=\"pt-cv-title\"><a href=\"https:\/\/www.dmsjuridica.com\/buscador_20179478954\/corteconstitucionalcronologico202454587\/t-301-03\/\" class=\"_self\" target=\"_self\" >T-301-03<\/a><\/h4>\n<div class=\"pt-cv-content\">\u00a0 \u00a0 Sentencia T-301\/03 \u00a0 AGENCIA OFICIOSA EN TUTELA-Padre en representaci\u00f3n de hija \u00a0 En este sentido, se ha se\u00f1alado que para que opere la agencia oficiosa es indispensable que se cumplan los siguientes requisitos: \u201ci) que el agente afirme actuar como tal y ii) demuestre que el titular del derecho amenazado o vulnerado se encuentra en imposibilidad de promover su propia defensa, \"bien sea por circunstancias f\u00edsicas, como la enfermedad, o por razones s\u00edquicas que pudieren haber afectado su estado mental, o en presencia de un estado de indefensi\u00f3n que le impida acudir a la justicia\u201d Surge un deber ...<br \/><div class=\"pt-cv-rmwrap\"><a href=\"https:\/\/www.dmsjuridica.com\/buscador_20179478954\/corteconstitucionalcronologico202454587\/t-301-03\/\" class=\"_self pt-cv-readmore btn btn-success\" target=\"_self\">Ver Sentencia Completa...<\/a><\/div><\/div><\/div><\/div>\n<div class=\"col-md-12 col-sm-12 col-xs-12 pt-cv-content-item pt-cv-1-col\" ><div class='pt-cv-ifield'><a href=\"https:\/\/www.dmsjuridica.com\/buscador_20179478954\/corteconstitucionalcronologico202454587\/t-300-03\/\" class=\"_self pt-cv-href-thumbnail pt-cv-thumb-default\" target=\"_self\" ><\/a>\n<div class=\"pt-cv-taxoterm above_title\"><a href='https:\/\/www.dmsjuridica.com\/buscador_20179478954\/corteconstitucionalcronologico202454587\/category\/buscar-en-toda-la-corte\/2003\/tutelas-2003\/' title='Tutelas 2003' class='pt-cv-tax-tutelas-2003'>Tutelas 2003<\/a><\/div>\n<h4 class=\"pt-cv-title\"><a href=\"https:\/\/www.dmsjuridica.com\/buscador_20179478954\/corteconstitucionalcronologico202454587\/t-300-03\/\" class=\"_self\" target=\"_self\" >T-300-03<\/a><\/h4>\n<div class=\"pt-cv-content\">\u00a0 \u00a0 Sentencia T-300\/03 \u00a0 ACCION DE TUTELA CONTRA SENTENCIA DE SECCION QUINTA DEL CONSEJO DE ESTADO-Improcedencia \u00a0 ALCALDE-Nulidad de elecci\u00f3n con base en acta de la Comisi\u00f3n Escrutadora Municipal\/VIA DE HECHO EN PROCESO ELECTORAL POR DEFECTO PROCEDIMENTAL-Inexistencia \u00a0 Aunque en el ac\u00e1pite \u201cDeclaraciones\u201d de la acci\u00f3n electoral el demandante expresa que tal acto est\u00e1 \u201ccontenido en el acta de escrutinio de la Comisi\u00f3n Escrutadora Municipal de esa localidad, suscrita el 5 de noviembre del a\u00f1o 2000\u201d y no en la de car\u00e1cter departamental, este vicio no constituye en el presente caso una v\u00eda de hecho por defecto procedimental por ...<br \/><div class=\"pt-cv-rmwrap\"><a href=\"https:\/\/www.dmsjuridica.com\/buscador_20179478954\/corteconstitucionalcronologico202454587\/t-300-03\/\" class=\"_self pt-cv-readmore btn btn-success\" target=\"_self\">Ver Sentencia Completa...<\/a><\/div><\/div><\/div><\/div>\n<div class=\"col-md-12 col-sm-12 col-xs-12 pt-cv-content-item pt-cv-1-col\" ><div class='pt-cv-ifield'><a href=\"https:\/\/www.dmsjuridica.com\/buscador_20179478954\/corteconstitucionalcronologico202454587\/t-299-03\/\" class=\"_self pt-cv-href-thumbnail pt-cv-thumb-default\" target=\"_self\" ><\/a>\n<div class=\"pt-cv-taxoterm above_title\"><a href='https:\/\/www.dmsjuridica.com\/buscador_20179478954\/corteconstitucionalcronologico202454587\/category\/buscar-en-toda-la-corte\/2003\/tutelas-2003\/' title='Tutelas 2003' class='pt-cv-tax-tutelas-2003'>Tutelas 2003<\/a><\/div>\n<h4 class=\"pt-cv-title\"><a href=\"https:\/\/www.dmsjuridica.com\/buscador_20179478954\/corteconstitucionalcronologico202454587\/t-299-03\/\" class=\"_self\" target=\"_self\" >T-299-03<\/a><\/h4>\n<div class=\"pt-cv-content\">\u00a0 \u00a0 Sentencia T-299\/03 \u00a0 DEMOCRACIA CONSTITUCIONAL-Determinaci\u00f3n de sus bases\/DIGNIDAD HUMANA-Base de la democracia constitucional\/DEMOCRACIA PLURALISTA-Base de la democracia constitucional \u00a0 Los cimientos de una democracia constitucional est\u00e1n determinados por el \u00a0reconocimiento de la dignidad humana como fundamento del orden constituido y por la afirmaci\u00f3n y realizaci\u00f3n de la democracia pluralista como alternativa de organizaci\u00f3n pol\u00edtica y jur\u00eddica. El reconocimiento de la dignidad humana como piedra angular de los modernos sistemas sociales conduce a la afirmaci\u00f3n del car\u00e1cter personalista del Estado, una concepci\u00f3n en la que la persona humana es el fin que se ha de realizar, vali\u00e9ndose para ello ...<br \/><div class=\"pt-cv-rmwrap\"><a href=\"https:\/\/www.dmsjuridica.com\/buscador_20179478954\/corteconstitucionalcronologico202454587\/t-299-03\/\" class=\"_self pt-cv-readmore btn btn-success\" target=\"_self\">Ver Sentencia Completa...<\/a><\/div><\/div><\/div><\/div>\n<div class=\"col-md-12 col-sm-12 col-xs-12 pt-cv-content-item pt-cv-1-col\" ><div class='pt-cv-ifield'><a href=\"https:\/\/www.dmsjuridica.com\/buscador_20179478954\/corteconstitucionalcronologico202454587\/t-298-03\/\" class=\"_self pt-cv-href-thumbnail pt-cv-thumb-default\" target=\"_self\" ><\/a>\n<div class=\"pt-cv-taxoterm above_title\"><a href='https:\/\/www.dmsjuridica.com\/buscador_20179478954\/corteconstitucionalcronologico202454587\/category\/buscar-en-toda-la-corte\/2003\/tutelas-2003\/' title='Tutelas 2003' class='pt-cv-tax-tutelas-2003'>Tutelas 2003<\/a><\/div>\n<h4 class=\"pt-cv-title\"><a href=\"https:\/\/www.dmsjuridica.com\/buscador_20179478954\/corteconstitucionalcronologico202454587\/t-298-03\/\" class=\"_self\" target=\"_self\" >T-298-03<\/a><\/h4>\n<div class=\"pt-cv-content\">\u00a0 \u00a0 Sentencia T-298\/03 \u00a0 EDUCACION BASICA-Obligatoriedad\/EDUCACION BASICA-L\u00edmite de edad \u00a0 DERECHO A LA IGUALDAD DE ESTUDIANTE-Discriminaci\u00f3n por trato diferente en raz\u00f3n de la edad \u00a0 Referencia: expediente T-684195 \u00a0 Acci\u00f3n de tutela instaurada por Mario Ram\u00edrez Jaramillo contra el Instituto T\u00e9cnico Multiprop\u00f3sito de Cali. \u00a0 Magistrado Ponente: \u00a0 Dr. JAIME C\u00d3RDOBA TRIVI\u00d1O \u00a0 Bogot\u00e1, D. C., once (11) de abril de dos mil tres \u00a0(2003). \u00a0 La Sala Cuarta de Revisi\u00f3n de la Corte Constitucional, en ejercicio de sus competencias constitucionales y legales, espec\u00edficamente las previstas en los art\u00edculos 86 y 241 numeral 9 de la Constituci\u00f3n Pol\u00edtica y ...<br \/><div class=\"pt-cv-rmwrap\"><a href=\"https:\/\/www.dmsjuridica.com\/buscador_20179478954\/corteconstitucionalcronologico202454587\/t-298-03\/\" class=\"_self pt-cv-readmore btn btn-success\" target=\"_self\">Ver Sentencia Completa...<\/a><\/div><\/div><\/div><\/div>\n<div class=\"col-md-12 col-sm-12 col-xs-12 pt-cv-content-item pt-cv-1-col\" ><div class='pt-cv-ifield'><a href=\"https:\/\/www.dmsjuridica.com\/buscador_20179478954\/corteconstitucionalcronologico202454587\/t-297-03\/\" class=\"_self pt-cv-href-thumbnail pt-cv-thumb-default\" target=\"_self\" ><\/a>\n<div class=\"pt-cv-taxoterm above_title\"><a href='https:\/\/www.dmsjuridica.com\/buscador_20179478954\/corteconstitucionalcronologico202454587\/category\/buscar-en-toda-la-corte\/2003\/tutelas-2003\/' title='Tutelas 2003' class='pt-cv-tax-tutelas-2003'>Tutelas 2003<\/a><\/div>\n<h4 class=\"pt-cv-title\"><a href=\"https:\/\/www.dmsjuridica.com\/buscador_20179478954\/corteconstitucionalcronologico202454587\/t-297-03\/\" class=\"_self\" target=\"_self\" >T-297-03<\/a><\/h4>\n<div class=\"pt-cv-content\">\u00a0 \u00a0 Sentencia T-297\/03 \u00a0 NOTA DE RELATORIA:DECLARADA LA NULIDAD DE ESTA SENTENCIA MEDIANTE AUTO 120 DE 2003 \u00a0 ACCION DE TUTELA CONTRA CONSEJO DE JUSTICIA DE BOGOTA-Improcedencia \u00a0 La actuaci\u00f3n da cuenta de un proceso policivo en el que se presentaron las contingencias propias de un diligenciamiento de esa \u00edndole: \u00a0Se present\u00f3 la querella, se emiti\u00f3 una decisi\u00f3n de abstenci\u00f3n que fue revocada en segunda instancia, se orden\u00f3 el lanzamiento, se realiz\u00f3 la diligencia, en ella se cumpli\u00f3 una intensa actividad de querellante y querellado, se orden\u00f3 la suspensi\u00f3n del lanzamiento ante la concurrencia de pruebas que justificaban la ...<br \/><div class=\"pt-cv-rmwrap\"><a href=\"https:\/\/www.dmsjuridica.com\/buscador_20179478954\/corteconstitucionalcronologico202454587\/t-297-03\/\" class=\"_self pt-cv-readmore btn btn-success\" target=\"_self\">Ver Sentencia Completa...<\/a><\/div><\/div><\/div><\/div>\n<div class=\"col-md-12 col-sm-12 col-xs-12 pt-cv-content-item pt-cv-1-col\" ><div class='pt-cv-ifield'><a href=\"https:\/\/www.dmsjuridica.com\/buscador_20179478954\/corteconstitucionalcronologico202454587\/t-296-03\/\" class=\"_self pt-cv-href-thumbnail pt-cv-thumb-default\" target=\"_self\" ><\/a>\n<div class=\"pt-cv-taxoterm above_title\"><a href='https:\/\/www.dmsjuridica.com\/buscador_20179478954\/corteconstitucionalcronologico202454587\/category\/buscar-en-toda-la-corte\/2003\/tutelas-2003\/' title='Tutelas 2003' class='pt-cv-tax-tutelas-2003'>Tutelas 2003<\/a><\/div>\n<h4 class=\"pt-cv-title\"><a href=\"https:\/\/www.dmsjuridica.com\/buscador_20179478954\/corteconstitucionalcronologico202454587\/t-296-03\/\" class=\"_self\" target=\"_self\" >T-296-03<\/a><\/h4>\n<div class=\"pt-cv-content\">\u00a0 \u00a0 Sentencia T-296\/03 \u00a0 DERECHO A LA SALUD-Entrega de medicamento por enfermedad de los ojos \u00a0 Referencia: expediente T-666633 \u00a0 Acci\u00f3n de tutela incoada por Martha Beatriz Guti\u00e9rrez de Yepes contra Cafesalud E.P.S. \u00a0 Magistrado Ponente: \u00a0 Dr. JAIME C\u00d3RDOBA TRIVI\u00d1O \u00a0 Bogot\u00e1, D.C., once (11) de abril de dos mil tres (2003). \u00a0 La Sala Cuarta de Revisi\u00f3n de la Corte Constitucional, en ejercicio de sus competencias constitucionales y legales, espec\u00edficamente las previstas en los art\u00edculos 86 y 241, numeral 9, de la Constituci\u00f3n Pol\u00edtica y en el Decreto 2591 de 1991, ha proferido la siguiente \u00a0 SENTENCIA ...<br \/><div class=\"pt-cv-rmwrap\"><a href=\"https:\/\/www.dmsjuridica.com\/buscador_20179478954\/corteconstitucionalcronologico202454587\/t-296-03\/\" class=\"_self pt-cv-readmore btn btn-success\" target=\"_self\">Ver Sentencia Completa...<\/a><\/div><\/div><\/div><\/div>\n<div class=\"col-md-12 col-sm-12 col-xs-12 pt-cv-content-item pt-cv-1-col\" ><div class='pt-cv-ifield'><a href=\"https:\/\/www.dmsjuridica.com\/buscador_20179478954\/corteconstitucionalcronologico202454587\/t-295-03\/\" class=\"_self pt-cv-href-thumbnail pt-cv-thumb-default\" target=\"_self\" ><\/a>\n<div class=\"pt-cv-taxoterm above_title\"><a href='https:\/\/www.dmsjuridica.com\/buscador_20179478954\/corteconstitucionalcronologico202454587\/category\/buscar-en-toda-la-corte\/2003\/tutelas-2003\/' title='Tutelas 2003' class='pt-cv-tax-tutelas-2003'>Tutelas 2003<\/a><\/div>\n<h4 class=\"pt-cv-title\"><a href=\"https:\/\/www.dmsjuridica.com\/buscador_20179478954\/corteconstitucionalcronologico202454587\/t-295-03\/\" class=\"_self\" target=\"_self\" >T-295-03<\/a><\/h4>\n<div class=\"pt-cv-content\">\u00a0 \u00a0 Sentencia T-295\/03 \u00a0 DERECHO A LA SALUD DEL NI\u00d1O-Protecci\u00f3n estatal\/DERECHO A LA SEGURIDAD SOCIAL DEL NI\u00d1O-Fundamental \u00a0 DERECHO A LA SALUD DE MENOR DE EDAD DISCAPACITADO-Suministro de pasajes para transporte de acompa\u00f1ante por tratamiento en otra ciudad \u00a0 Es evidente que un ni\u00f1o de cinco a\u00f1os, con S\u00edndrome de Down, no puede por s\u00ed mismo tomar un avi\u00f3n para asistir a una cita m\u00e9dica en una ciudad diferente a la de su domicilio, de manera que la asistencia de un acompa\u00f1ante es necesaria para garantizar la efectividad de su derecho a la salud. Por ello, la Sala estima ...<br \/><div class=\"pt-cv-rmwrap\"><a href=\"https:\/\/www.dmsjuridica.com\/buscador_20179478954\/corteconstitucionalcronologico202454587\/t-295-03\/\" class=\"_self pt-cv-readmore btn btn-success\" target=\"_self\">Ver Sentencia Completa...<\/a><\/div><\/div><\/div><\/div>\n<div class=\"col-md-12 col-sm-12 col-xs-12 pt-cv-content-item pt-cv-1-col\" ><div class='pt-cv-ifield'><a href=\"https:\/\/www.dmsjuridica.com\/buscador_20179478954\/corteconstitucionalcronologico202454587\/t-294-03\/\" class=\"_self pt-cv-href-thumbnail pt-cv-thumb-default\" target=\"_self\" ><\/a>\n<div class=\"pt-cv-taxoterm above_title\"><a href='https:\/\/www.dmsjuridica.com\/buscador_20179478954\/corteconstitucionalcronologico202454587\/category\/buscar-en-toda-la-corte\/2003\/tutelas-2003\/' title='Tutelas 2003' class='pt-cv-tax-tutelas-2003'>Tutelas 2003<\/a><\/div>\n<h4 class=\"pt-cv-title\"><a href=\"https:\/\/www.dmsjuridica.com\/buscador_20179478954\/corteconstitucionalcronologico202454587\/t-294-03\/\" class=\"_self\" target=\"_self\" >T-294-03<\/a><\/h4>\n<div class=\"pt-cv-content\">\u00a0 \u00a0 Sentencia T-294\/03 \u00a0 DERECHO DE PETICION-Respuesta oportuna y de fondo\/DERECHO A LA SEGURIDAD SOCIAL-Vulneraci\u00f3n por no reconocimiento oportuno de pensi\u00f3n \u00a0 DERECHO A LA PENSION-No puede haber demora injustificada en su reconocimiento \u00a0 DERECHO A LA SEGURIDAD SOCIAL EN PENSIONES-Se garantiza mediante la acci\u00f3n de tutela \u00a0 DERECHO A LA PENSION DE JUBILACION-Reconocimiento o pago no puede condicionarse a emisi\u00f3n o pago del bono pensional \u00a0 JURISPRUDENCIA REITERADA-No implica tomar decisiones id\u00e9nticas\/JURISPRUDENCIA REITERADA-Uniformidad en la protecci\u00f3n del n\u00facleo esencial del derecho \u00a0 Sobre la aplicaci\u00f3n al caso concreto, en forma mec\u00e1nica y aislada de apartes de lo dicho ...<br \/><div class=\"pt-cv-rmwrap\"><a href=\"https:\/\/www.dmsjuridica.com\/buscador_20179478954\/corteconstitucionalcronologico202454587\/t-294-03\/\" class=\"_self pt-cv-readmore btn btn-success\" target=\"_self\">Ver Sentencia Completa...<\/a><\/div><\/div><\/div><\/div>\n<div class=\"col-md-12 col-sm-12 col-xs-12 pt-cv-content-item pt-cv-1-col\" ><div class='pt-cv-ifield'><a href=\"https:\/\/www.dmsjuridica.com\/buscador_20179478954\/corteconstitucionalcronologico202454587\/t-293-03\/\" class=\"_self pt-cv-href-thumbnail pt-cv-thumb-default\" target=\"_self\" ><\/a>\n<div class=\"pt-cv-taxoterm above_title\"><a href='https:\/\/www.dmsjuridica.com\/buscador_20179478954\/corteconstitucionalcronologico202454587\/category\/buscar-en-toda-la-corte\/2003\/tutelas-2003\/' title='Tutelas 2003' class='pt-cv-tax-tutelas-2003'>Tutelas 2003<\/a><\/div>\n<h4 class=\"pt-cv-title\"><a href=\"https:\/\/www.dmsjuridica.com\/buscador_20179478954\/corteconstitucionalcronologico202454587\/t-293-03\/\" class=\"_self\" target=\"_self\" >T-293-03<\/a><\/h4>\n<div class=\"pt-cv-content\">\u00a0 \u00a0 \u00a0 \u00a0 Sentencia T-293\/03 \u00a0 ACCION REVOCATORIA CONCURSAL-Rechazo de demanda \u00a0 Demandada una sociedad fiduciaria como es el caso de la Sociedad Alianza Fiduciaria S.A., la prueba de su existencia y representaci\u00f3n deben ser acreditadas como lo establece la ley. Independientemente de las razones aducidas por el Juzgado para rechazar la demanda, en el sentido de que no se trataba de la misma persona jur\u00eddica demandada por cuanto la raz\u00f3n social de Alianza Fiduciaria acreditada por la C\u00e1mara de Comercio de Cali, no estaba precedida de las letras S.A., lo cierto es, como el mismo apoderado de la ...<br \/><div class=\"pt-cv-rmwrap\"><a href=\"https:\/\/www.dmsjuridica.com\/buscador_20179478954\/corteconstitucionalcronologico202454587\/t-293-03\/\" class=\"_self pt-cv-readmore btn btn-success\" target=\"_self\">Ver Sentencia Completa...<\/a><\/div><\/div><\/div><\/div>\n<div class=\"col-md-12 col-sm-12 col-xs-12 pt-cv-content-item pt-cv-1-col\" ><div class='pt-cv-ifield'><a href=\"https:\/\/www.dmsjuridica.com\/buscador_20179478954\/corteconstitucionalcronologico202454587\/t-291-03\/\" class=\"_self pt-cv-href-thumbnail pt-cv-thumb-default\" target=\"_self\" ><\/a>\n<div class=\"pt-cv-taxoterm above_title\"><a href='https:\/\/www.dmsjuridica.com\/buscador_20179478954\/corteconstitucionalcronologico202454587\/category\/buscar-en-toda-la-corte\/2003\/tutelas-2003\/' title='Tutelas 2003' class='pt-cv-tax-tutelas-2003'>Tutelas 2003<\/a><\/div>\n<h4 class=\"pt-cv-title\"><a href=\"https:\/\/www.dmsjuridica.com\/buscador_20179478954\/corteconstitucionalcronologico202454587\/t-291-03\/\" class=\"_self\" target=\"_self\" >T-291-03<\/a><\/h4>\n<div class=\"pt-cv-content\">\u00a0 \u00a0 Sentencia T-291\/03 \u00a0 PRINCIPIO DE LA CONFIANZA LEGITIMA-Alcance \u00a0 PRINCIPIO DE LA CONFIANZA LEGITIMA-Derechos de los alumnos a conocer obligaciones pendientes con el plantel \u00a0 DEBIDO PROCESO-Vulneraci\u00f3n por centro educativo\/DEBIDO PROCESO-Vulneraci\u00f3n para recuperar asignaturas reprobadas \u00a0 PRINCIPIO DE LA CONFIANZA LEGITIMA DE MENOR-Vulneraci\u00f3n por permitir el colegio el ingreso del alumno al grado siguiente sin cumplir con los requisitos \u00a0 El plantel educativo accionado vulner\u00f3 el principio de la confianza leg\u00edtima del menor. En efecto, el colegio permiti\u00f3 que el menor ingresara al grado 9\u00b0 y que permaneciera en este curso por lo menos hasta finales de marzo ...<br \/><div class=\"pt-cv-rmwrap\"><a href=\"https:\/\/www.dmsjuridica.com\/buscador_20179478954\/corteconstitucionalcronologico202454587\/t-291-03\/\" class=\"_self pt-cv-readmore btn btn-success\" target=\"_self\">Ver Sentencia Completa...<\/a><\/div><\/div><\/div><\/div>\n<div class=\"col-md-12 col-sm-12 col-xs-12 pt-cv-content-item pt-cv-1-col\" ><div class='pt-cv-ifield'><a href=\"https:\/\/www.dmsjuridica.com\/buscador_20179478954\/corteconstitucionalcronologico202454587\/t-290-03\/\" class=\"_self pt-cv-href-thumbnail pt-cv-thumb-default\" target=\"_self\" ><\/a>\n<div class=\"pt-cv-taxoterm above_title\"><a href='https:\/\/www.dmsjuridica.com\/buscador_20179478954\/corteconstitucionalcronologico202454587\/category\/buscar-en-toda-la-corte\/2003\/tutelas-2003\/' title='Tutelas 2003' class='pt-cv-tax-tutelas-2003'>Tutelas 2003<\/a><\/div>\n<h4 class=\"pt-cv-title\"><a href=\"https:\/\/www.dmsjuridica.com\/buscador_20179478954\/corteconstitucionalcronologico202454587\/t-290-03\/\" class=\"_self\" target=\"_self\" >T-290-03<\/a><\/h4>\n<div class=\"pt-cv-content\">\u00a0 \u00a0 Sentencia T-290\/03 \u00a0 ACCION DE TUTELA-Car\u00e1cter residual \u00a0 PENSION DE JUBILACION-Solicitud de incremento por tutela ya fue decidido en proceso ordinario laboral\/ACCION DE TUTELA-Improcedencia para revivir etapas procesales finalizadas \u00a0 Lo pedido por el actor en su escrito de tutela, aunque est\u00e1 formulado en t\u00e9rminos diferentes, es lo mismo que fuera estudiado dentro del proceso ordinario laboral referenciado en los hechos. Siendo as\u00ed, y dado que la pretensi\u00f3n de aumentar el valor de la pensi\u00f3n que le corresponde pagar a El Tiempo es la misma que ya conoci\u00f3 y resolvi\u00f3 la jurisdicci\u00f3n ordinaria, la acci\u00f3n de tutela no ...<br \/><div class=\"pt-cv-rmwrap\"><a href=\"https:\/\/www.dmsjuridica.com\/buscador_20179478954\/corteconstitucionalcronologico202454587\/t-290-03\/\" class=\"_self pt-cv-readmore btn btn-success\" target=\"_self\">Ver Sentencia Completa...<\/a><\/div><\/div><\/div><\/div>\n<div class=\"col-md-12 col-sm-12 col-xs-12 pt-cv-content-item pt-cv-1-col\" ><div class='pt-cv-ifield'><a href=\"https:\/\/www.dmsjuridica.com\/buscador_20179478954\/corteconstitucionalcronologico202454587\/t-289-03\/\" class=\"_self pt-cv-href-thumbnail pt-cv-thumb-default\" target=\"_self\" ><\/a>\n<div class=\"pt-cv-taxoterm above_title\"><a href='https:\/\/www.dmsjuridica.com\/buscador_20179478954\/corteconstitucionalcronologico202454587\/category\/buscar-en-toda-la-corte\/2003\/tutelas-2003\/' title='Tutelas 2003' class='pt-cv-tax-tutelas-2003'>Tutelas 2003<\/a><\/div>\n<h4 class=\"pt-cv-title\"><a href=\"https:\/\/www.dmsjuridica.com\/buscador_20179478954\/corteconstitucionalcronologico202454587\/t-289-03\/\" class=\"_self\" target=\"_self\" >T-289-03<\/a><\/h4>\n<div class=\"pt-cv-content\">\u00a0 \u00a0 Sentencia T-289\/03 \u00a0 La informalidad en la presentaci\u00f3n de la solicitud para que se tutele un derecho, conlleva la carga para el juez de tener que valorar la solicitud y las peticiones de acuerdo al contenido real de la misma. As\u00ed, el juez de tutela debe dar prelaci\u00f3n al contenido material de la solicitud y no a su presentaci\u00f3n formal, de tal suerte que si la solicitud materialmente cuestiona las actuaciones procesales de dos despachos judiciales distintos, como ocurre en el presente caso, debe el juez de tutela vincular a ambos despachos al proceso, aun cuando la acci\u00f3n, ...<br \/><div class=\"pt-cv-rmwrap\"><a href=\"https:\/\/www.dmsjuridica.com\/buscador_20179478954\/corteconstitucionalcronologico202454587\/t-289-03\/\" class=\"_self pt-cv-readmore btn btn-success\" target=\"_self\">Ver Sentencia Completa...<\/a><\/div><\/div><\/div><\/div>\n<div class=\"col-md-12 col-sm-12 col-xs-12 pt-cv-content-item pt-cv-1-col\" ><div class='pt-cv-ifield'><a href=\"https:\/\/www.dmsjuridica.com\/buscador_20179478954\/corteconstitucionalcronologico202454587\/t-288-03\/\" class=\"_self pt-cv-href-thumbnail pt-cv-thumb-default\" target=\"_self\" ><\/a>\n<div class=\"pt-cv-taxoterm above_title\"><a href='https:\/\/www.dmsjuridica.com\/buscador_20179478954\/corteconstitucionalcronologico202454587\/category\/buscar-en-toda-la-corte\/2003\/tutelas-2003\/' title='Tutelas 2003' class='pt-cv-tax-tutelas-2003'>Tutelas 2003<\/a><\/div>\n<h4 class=\"pt-cv-title\"><a href=\"https:\/\/www.dmsjuridica.com\/buscador_20179478954\/corteconstitucionalcronologico202454587\/t-288-03\/\" class=\"_self\" target=\"_self\" >T-288-03<\/a><\/h4>\n<div class=\"pt-cv-content\">\u00a0 \u00a0 Sentencia T-288\/03 \u00a0 ACCION DE TUTELA CONTRA PARTICULARES-Procedencia excepcional \u00a0 ACCION DE TUTELA CONTRA PARTICULARES-Indefensi\u00f3n \u00a0 DERECHO A LA IGUALDAD ENTRE HIJOS-Prohibici\u00f3n de discriminaci\u00f3n entre leg\u00edtimos y extramatrimoniales \u00a0 DERECHO A LA IGUALDAD ENTRE HIJOS-No garantiza el mismo trato ni acceso a iguales oportunidades\/DERECHO A LA IGUALDAD ENTRE HIJOS-Padres no pueden discriminar a sus hijos por raza, sexo o condici\u00f3n \u00a0 El derecho a la igualdad entre los hijos no garantiza que a todos se les deba dar exactamente el mismo trato y acceso a oportunidades id\u00e9nticas; el derecho a la igualdad garantiza que a ninguno de los ...<br \/><div class=\"pt-cv-rmwrap\"><a href=\"https:\/\/www.dmsjuridica.com\/buscador_20179478954\/corteconstitucionalcronologico202454587\/t-288-03\/\" class=\"_self pt-cv-readmore btn btn-success\" target=\"_self\">Ver Sentencia Completa...<\/a><\/div><\/div><\/div><\/div>\n<div class=\"col-md-12 col-sm-12 col-xs-12 pt-cv-content-item pt-cv-1-col\" ><div class='pt-cv-ifield'><a href=\"https:\/\/www.dmsjuridica.com\/buscador_20179478954\/corteconstitucionalcronologico202454587\/t-287-03\/\" class=\"_self pt-cv-href-thumbnail pt-cv-thumb-default\" target=\"_self\" ><\/a>\n<div class=\"pt-cv-taxoterm above_title\"><a href='https:\/\/www.dmsjuridica.com\/buscador_20179478954\/corteconstitucionalcronologico202454587\/category\/buscar-en-toda-la-corte\/2003\/tutelas-2003\/' title='Tutelas 2003' class='pt-cv-tax-tutelas-2003'>Tutelas 2003<\/a><\/div>\n<h4 class=\"pt-cv-title\"><a href=\"https:\/\/www.dmsjuridica.com\/buscador_20179478954\/corteconstitucionalcronologico202454587\/t-287-03\/\" class=\"_self\" target=\"_self\" >T-287-03<\/a><\/h4>\n<div class=\"pt-cv-content\">\u00a0 \u00a0 Sentencia T-287\/03 \u00a0 DEBIDO PROCESO Y DERECHO DE DEFENSA-Relaci\u00f3n inescindible \u00a0 Como parte integrante del debido proceso encontramos el derecho de defensa. Derecho que implica necesariamente que el Estado, en ejercicio de su poder punitivo debe dar la posibilidad al procesado de aportar pruebas, contradecir las que se alleguen en su contra, interponer los recursos y sustentarlos dentro del t\u00e9rmino legal, etc, lo que significa que, antes de imponer una sanci\u00f3n se debe dar al sindicado la posibilidad de ser o\u00eddo y vencido en juicio, \u00a0en cumplimiento de las garant\u00edas y siguiendo en estricto sentido los procedimientos establecidos ...<br \/><div class=\"pt-cv-rmwrap\"><a href=\"https:\/\/www.dmsjuridica.com\/buscador_20179478954\/corteconstitucionalcronologico202454587\/t-287-03\/\" class=\"_self pt-cv-readmore btn btn-success\" target=\"_self\">Ver Sentencia Completa...<\/a><\/div><\/div><\/div><\/div>\n<div class=\"col-md-12 col-sm-12 col-xs-12 pt-cv-content-item pt-cv-1-col\" ><div class='pt-cv-ifield'><a href=\"https:\/\/www.dmsjuridica.com\/buscador_20179478954\/corteconstitucionalcronologico202454587\/t-286-03\/\" class=\"_self pt-cv-href-thumbnail pt-cv-thumb-default\" target=\"_self\" ><\/a>\n<div class=\"pt-cv-taxoterm above_title\"><a href='https:\/\/www.dmsjuridica.com\/buscador_20179478954\/corteconstitucionalcronologico202454587\/category\/buscar-en-toda-la-corte\/2003\/tutelas-2003\/' title='Tutelas 2003' class='pt-cv-tax-tutelas-2003'>Tutelas 2003<\/a><\/div>\n<h4 class=\"pt-cv-title\"><a href=\"https:\/\/www.dmsjuridica.com\/buscador_20179478954\/corteconstitucionalcronologico202454587\/t-286-03\/\" class=\"_self\" target=\"_self\" >T-286-03<\/a><\/h4>\n<div class=\"pt-cv-content\">\u00a0 \u00a0 Sentencia T-286\/03 \u00a0 DERECHO A LA ESTABILIDAD LABORAL REFORZADA DE MUJER EMBARAZADA-Contrato con una Cooperativa para trabajar en banco\u00a0 \u00a0 La Sala observa que si bien la actora es asociada de una cooperativa de trabajo asociado, tambi\u00e9n lo es el hecho de que esta cooperativa la envi\u00f3 a prestar sus servicios personales en las dependencias del Citibank, lugar donde cumpl\u00eda un horario y recib\u00eda una remuneraci\u00f3n por parte de la cooperativa. Es decir, en el caso planteado, tuvo lugar una prestaci\u00f3n personal del servicio en cabeza de la actora, una subordinaci\u00f3n jur\u00eddica de la misma frente a la ...<br \/><div class=\"pt-cv-rmwrap\"><a href=\"https:\/\/www.dmsjuridica.com\/buscador_20179478954\/corteconstitucionalcronologico202454587\/t-286-03\/\" class=\"_self pt-cv-readmore btn btn-success\" target=\"_self\">Ver Sentencia Completa...<\/a><\/div><\/div><\/div><\/div>\n<div class=\"col-md-12 col-sm-12 col-xs-12 pt-cv-content-item pt-cv-1-col\" ><div class='pt-cv-ifield'><a href=\"https:\/\/www.dmsjuridica.com\/buscador_20179478954\/corteconstitucionalcronologico202454587\/t-285-03\/\" class=\"_self pt-cv-href-thumbnail pt-cv-thumb-default\" target=\"_self\" ><\/a>\n<div class=\"pt-cv-taxoterm above_title\"><a href='https:\/\/www.dmsjuridica.com\/buscador_20179478954\/corteconstitucionalcronologico202454587\/category\/buscar-en-toda-la-corte\/2003\/tutelas-2003\/' title='Tutelas 2003' class='pt-cv-tax-tutelas-2003'>Tutelas 2003<\/a><\/div>\n<h4 class=\"pt-cv-title\"><a href=\"https:\/\/www.dmsjuridica.com\/buscador_20179478954\/corteconstitucionalcronologico202454587\/t-285-03\/\" class=\"_self\" target=\"_self\" >T-285-03<\/a><\/h4>\n<div class=\"pt-cv-content\">\u00a0 \u00a0 Sentencia T-285\/03 \u00a0 ACCION DE TUTELA CONTRA JUNTA ADMINISTRADORA DE CONJUNTO RESIDENCIAL-Procedencia para construcci\u00f3n de rampa de acceso\/DISCAPACITADO-Acceso a edificio donde reside \u00a0 El caso que se revisa, pone de presente a una persona discapacitada que s\u00f3lo puede transportarse en silla de ruedas, por padecer desde su nacimiento de par\u00e1lisis cerebral. Su hermana interpone la acci\u00f3n de tutela para que la Junta Administradora del edificio donde habita, reconstruya una rampa, que en efecto hab\u00eda sido autorizada por la Asamblea de Copropietarios pero que fue posteriormente demolida ante la negativa de algunos propietarios del mismo sector habitacional. La Sala ...<br \/><div class=\"pt-cv-rmwrap\"><a href=\"https:\/\/www.dmsjuridica.com\/buscador_20179478954\/corteconstitucionalcronologico202454587\/t-285-03\/\" class=\"_self pt-cv-readmore btn btn-success\" target=\"_self\">Ver Sentencia Completa...<\/a><\/div><\/div><\/div><\/div>\n<div class=\"col-md-12 col-sm-12 col-xs-12 pt-cv-content-item pt-cv-1-col\" ><div class='pt-cv-ifield'><a href=\"https:\/\/www.dmsjuridica.com\/buscador_20179478954\/corteconstitucionalcronologico202454587\/t-283-03\/\" class=\"_self pt-cv-href-thumbnail pt-cv-thumb-default\" target=\"_self\" ><\/a>\n<div class=\"pt-cv-taxoterm above_title\"><a href='https:\/\/www.dmsjuridica.com\/buscador_20179478954\/corteconstitucionalcronologico202454587\/category\/buscar-en-toda-la-corte\/2003\/tutelas-2003\/' title='Tutelas 2003' class='pt-cv-tax-tutelas-2003'>Tutelas 2003<\/a><\/div>\n<h4 class=\"pt-cv-title\"><a href=\"https:\/\/www.dmsjuridica.com\/buscador_20179478954\/corteconstitucionalcronologico202454587\/t-283-03\/\" class=\"_self\" target=\"_self\" >T-283-03<\/a><\/h4>\n<div class=\"pt-cv-content\">\u00a0 \u00a0 Sentencia T-283\/03 \u00a0 ENTIDADES TERRITORIALES-Competencia para inscripci\u00f3n y ascenso en el escalaf\u00f3n docente\/CARRERA DOCENTE-Antecedentes normativos para inscripci\u00f3n y ascenso en el escalaf\u00f3n \u00a0 DERECHO DE PETICION-Resoluci\u00f3n oportuna, clara y precisa\/DERECHO DE PETICION-Informaci\u00f3n sobre expedici\u00f3n de nueva ley no satisface lo pedido \u00a0 A pesar de que con la expedici\u00f3n de este decreto, el Gobierno radica en cabeza de la entidades territoriales certificadas la administraci\u00f3n y vigilancia de la carrera docente, as\u00ed como la inscripci\u00f3n y ascenso de los docentes y directivos estatales, no se establece qu\u00e9 dependencia de las entidades territoriales ser\u00eda la competente para resolver las solicitudes ...<br \/><div class=\"pt-cv-rmwrap\"><a href=\"https:\/\/www.dmsjuridica.com\/buscador_20179478954\/corteconstitucionalcronologico202454587\/t-283-03\/\" class=\"_self pt-cv-readmore btn btn-success\" target=\"_self\">Ver Sentencia Completa...<\/a><\/div><\/div><\/div><\/div>\n<div class=\"col-md-12 col-sm-12 col-xs-12 pt-cv-content-item pt-cv-1-col\" ><div class='pt-cv-ifield'><a href=\"https:\/\/www.dmsjuridica.com\/buscador_20179478954\/corteconstitucionalcronologico202454587\/t-282-03\/\" class=\"_self pt-cv-href-thumbnail pt-cv-thumb-default\" target=\"_self\" ><\/a>\n<div class=\"pt-cv-taxoterm above_title\"><a href='https:\/\/www.dmsjuridica.com\/buscador_20179478954\/corteconstitucionalcronologico202454587\/category\/buscar-en-toda-la-corte\/2003\/tutelas-2003\/' title='Tutelas 2003' class='pt-cv-tax-tutelas-2003'>Tutelas 2003<\/a><\/div>\n<h4 class=\"pt-cv-title\"><a href=\"https:\/\/www.dmsjuridica.com\/buscador_20179478954\/corteconstitucionalcronologico202454587\/t-282-03\/\" class=\"_self\" target=\"_self\" >T-282-03<\/a><\/h4>\n<div class=\"pt-cv-content\">\u00a0 \u00a0 Sentencia T-282\/03 \u00a0 ENTIDADES TERRITORIALES-Competencia para inscripci\u00f3n y ascenso en el escalaf\u00f3n docente\/CARRERA DOCENTE-Antecedentes normativos para inscripci\u00f3n y ascenso en el escalaf\u00f3n \u00a0 DERECHO DE PETICION-Resoluci\u00f3n de fondo, clara y precisa\/DERECHO DE PETICION-Informaci\u00f3n sobre expedici\u00f3n de nueva ley no satisface lo pedido \u00a0 A pesar de que con la expedici\u00f3n de este decreto, el Gobierno radica en cabeza de la entidades territoriales certificadas la administraci\u00f3n y vigilancia de la carrera docente, as\u00ed como la inscripci\u00f3n y ascenso de los docentes y directivos estatales, no se establece qu\u00e9 dependencia de las entidades territoriales ser\u00eda la competente para resolver las ...<br \/><div class=\"pt-cv-rmwrap\"><a href=\"https:\/\/www.dmsjuridica.com\/buscador_20179478954\/corteconstitucionalcronologico202454587\/t-282-03\/\" class=\"_self pt-cv-readmore btn btn-success\" target=\"_self\">Ver Sentencia Completa...<\/a><\/div><\/div><\/div><\/div>\n<div class=\"col-md-12 col-sm-12 col-xs-12 pt-cv-content-item pt-cv-1-col\" ><div class='pt-cv-ifield'><a href=\"https:\/\/www.dmsjuridica.com\/buscador_20179478954\/corteconstitucionalcronologico202454587\/t-281-03\/\" class=\"_self pt-cv-href-thumbnail pt-cv-thumb-default\" target=\"_self\" ><\/a>\n<div class=\"pt-cv-taxoterm above_title\"><a href='https:\/\/www.dmsjuridica.com\/buscador_20179478954\/corteconstitucionalcronologico202454587\/category\/buscar-en-toda-la-corte\/2003\/tutelas-2003\/' title='Tutelas 2003' class='pt-cv-tax-tutelas-2003'>Tutelas 2003<\/a><\/div>\n<h4 class=\"pt-cv-title\"><a href=\"https:\/\/www.dmsjuridica.com\/buscador_20179478954\/corteconstitucionalcronologico202454587\/t-281-03\/\" class=\"_self\" target=\"_self\" >T-281-03<\/a><\/h4>\n<div class=\"pt-cv-content\">\u00a0 \u00a0 Sentencia T-281\/03 \u00a0 DERECHO A LA SALUD DE PERSONA DE LA TERCERA EDAD-Suministro de aud\u00edfonos \u00a0 Reiteraci\u00f3n de Jurisprudencia \u00a0 Referencia: expediente T-674934 \u00a0 Magistrado Ponente: \u00a0 Dr. ALVARO TAFUR GALVIS.\u00a0 \u00a0 Bogot\u00e1, D.C., tres (3) de abril de dos mil tres (2003). \u00a0 La Sala Octava de Revisi\u00f3n de la Corte Constitucional, en ejercicio de sus competencias constitucionales y legales, en particular las contenidas en los art\u00edculos 86 y 241, numeral 9, de la Constituci\u00f3n y el Decreto 2591 de 1991, ha proferido la siguiente \u00a0 SENTENCIA \u00a0 dentro del proceso de revisi\u00f3n del fallo proferido por ...<br \/><div class=\"pt-cv-rmwrap\"><a href=\"https:\/\/www.dmsjuridica.com\/buscador_20179478954\/corteconstitucionalcronologico202454587\/t-281-03\/\" class=\"_self pt-cv-readmore btn btn-success\" target=\"_self\">Ver Sentencia Completa...<\/a><\/div><\/div><\/div><\/div>\n<div class=\"col-md-12 col-sm-12 col-xs-12 pt-cv-content-item pt-cv-1-col\" ><div class='pt-cv-ifield'><a href=\"https:\/\/www.dmsjuridica.com\/buscador_20179478954\/corteconstitucionalcronologico202454587\/t-280-03\/\" class=\"_self pt-cv-href-thumbnail pt-cv-thumb-default\" target=\"_self\" ><\/a>\n<div class=\"pt-cv-taxoterm above_title\"><a href='https:\/\/www.dmsjuridica.com\/buscador_20179478954\/corteconstitucionalcronologico202454587\/category\/buscar-en-toda-la-corte\/2003\/tutelas-2003\/' title='Tutelas 2003' class='pt-cv-tax-tutelas-2003'>Tutelas 2003<\/a><\/div>\n<h4 class=\"pt-cv-title\"><a href=\"https:\/\/www.dmsjuridica.com\/buscador_20179478954\/corteconstitucionalcronologico202454587\/t-280-03\/\" class=\"_self\" target=\"_self\" >T-280-03<\/a><\/h4>\n<div class=\"pt-cv-content\">\u00a0 \u00a0 Sentencia T-280\/03 \u00a0 VIA DE HECHO Y PRINCIPIO DE COSA JUZGADA-No se configur\u00f3 en este caso \u00a0 ACCION DE TUTELA-Improcedencia contra interpretaciones judiciales \u00a0 En lo que tiene que ver espec\u00edficamente con la acci\u00f3n de tutela contra providencias judiciales y las denominadas v\u00edas de hecho \u201cpor err\u00f3nea interpretaci\u00f3n de la ley,\u201d en diversas oportunidades esta Corporaci\u00f3n, ha advertido que la acci\u00f3n de tutela no es una v\u00eda alterna, ni menos un mecanismo para rectificar decisiones judiciales, ni para desautorizar interpretaciones judiciales que se hacen dentro del marco de la autonom\u00eda y de la independencia propia de los jueces ...<br \/><div class=\"pt-cv-rmwrap\"><a href=\"https:\/\/www.dmsjuridica.com\/buscador_20179478954\/corteconstitucionalcronologico202454587\/t-280-03\/\" class=\"_self pt-cv-readmore btn btn-success\" target=\"_self\">Ver Sentencia Completa...<\/a><\/div><\/div><\/div><\/div>\n<div class=\"col-md-12 col-sm-12 col-xs-12 pt-cv-content-item pt-cv-1-col\" ><div class='pt-cv-ifield'><a href=\"https:\/\/www.dmsjuridica.com\/buscador_20179478954\/corteconstitucionalcronologico202454587\/t-279-03\/\" class=\"_self pt-cv-href-thumbnail pt-cv-thumb-default\" target=\"_self\" ><\/a>\n<div class=\"pt-cv-taxoterm above_title\"><a href='https:\/\/www.dmsjuridica.com\/buscador_20179478954\/corteconstitucionalcronologico202454587\/category\/buscar-en-toda-la-corte\/2003\/tutelas-2003\/' title='Tutelas 2003' class='pt-cv-tax-tutelas-2003'>Tutelas 2003<\/a><\/div>\n<h4 class=\"pt-cv-title\"><a href=\"https:\/\/www.dmsjuridica.com\/buscador_20179478954\/corteconstitucionalcronologico202454587\/t-279-03\/\" class=\"_self\" target=\"_self\" >T-279-03<\/a><\/h4>\n<div class=\"pt-cv-content\">\u00a0 \u00a0 Sentencia T-279\/03 \u00a0 DERECHO A LA PENSION DE JUBILACION-Reconocimiento o pago no puede condicionarse a emisi\u00f3n o pago del bono pensional \u00a0 BONOS PENSIONALES-Expedici\u00f3n y emisi\u00f3n\/BONOS PENSIONALES-Pronta tramitaci\u00f3n \u00a0 BONOS PENSIONALES-Demora en emisi\u00f3n afecta derechos fundamentales \u00a0 ENTIDAD PUBLICA-Negligencia en tr\u00e1mite de pensiones \u00a0 Reiteraci\u00f3n de Jurisprudencia \u00a0 Referencia: expediente T- 703.280 \u00a0 Acci\u00f3n de tutela instaurada por Jorge Enrique Garz\u00f3n Ceron contra el Seguro Social Seccional Cauca. \u00a0 Procedencia: Juzgado 4 Penal del Circuito de Popay\u00e1n Cauca. \u00a0 Magistrado Ponente: \u00a0 Dr. ALFREDO BELTR\u00c1N SIERRA \u00a0 Bogot\u00e1 D.C., tres (3) de abril de dos mil tres (2003) ...<br \/><div class=\"pt-cv-rmwrap\"><a href=\"https:\/\/www.dmsjuridica.com\/buscador_20179478954\/corteconstitucionalcronologico202454587\/t-279-03\/\" class=\"_self pt-cv-readmore btn btn-success\" target=\"_self\">Ver Sentencia Completa...<\/a><\/div><\/div><\/div><\/div>\n<div class=\"col-md-12 col-sm-12 col-xs-12 pt-cv-content-item pt-cv-1-col\" ><div class='pt-cv-ifield'><a href=\"https:\/\/www.dmsjuridica.com\/buscador_20179478954\/corteconstitucionalcronologico202454587\/t-278-03\/\" class=\"_self pt-cv-href-thumbnail pt-cv-thumb-default\" target=\"_self\" ><\/a>\n<div class=\"pt-cv-taxoterm above_title\"><a href='https:\/\/www.dmsjuridica.com\/buscador_20179478954\/corteconstitucionalcronologico202454587\/category\/buscar-en-toda-la-corte\/2003\/tutelas-2003\/' title='Tutelas 2003' class='pt-cv-tax-tutelas-2003'>Tutelas 2003<\/a><\/div>\n<h4 class=\"pt-cv-title\"><a href=\"https:\/\/www.dmsjuridica.com\/buscador_20179478954\/corteconstitucionalcronologico202454587\/t-278-03\/\" class=\"_self\" target=\"_self\" >T-278-03<\/a><\/h4>\n<div class=\"pt-cv-content\">\u00a0 \u00a0 Sentencia T-278\/03 \u00a0 ACCION DE TUTELA-Carencia actual de objeto \u00a0 Referencia: expediente T-683250\u00a0 \u00a0 Actores: Jes\u00fas Miranda Alvarez\u00a0 \u00a0 Magistrado Ponente:\u00a0 \u00a0 Dr. MARCO GERARDO MONROY CABRA \u00a0 Bogot\u00e1 D.C., dos (2) de abril de dos mil tres (2003). \u00a0 La Sala Sexta de la Corte Constitucional, integrada por los Magistrados doctores, Eduardo Montealegre Lynett, Alvaro Tafur Galvis y Marco Gerardo Monroy Cabra, quien la preside, en ejercicio de sus competencias constitucionales y legales ha pronunciado la siguiente\u00a0 \u00a0 SENTENCIA \u00a0 Dentro del proceso de revisi\u00f3n del fallo proferido por el Juzgado Primero Laboral del Circuito de Monter\u00eda ...<br \/><div class=\"pt-cv-rmwrap\"><a href=\"https:\/\/www.dmsjuridica.com\/buscador_20179478954\/corteconstitucionalcronologico202454587\/t-278-03\/\" class=\"_self pt-cv-readmore btn btn-success\" target=\"_self\">Ver Sentencia Completa...<\/a><\/div><\/div><\/div><\/div>\n<div class=\"col-md-12 col-sm-12 col-xs-12 pt-cv-content-item pt-cv-1-col\" ><div class='pt-cv-ifield'><a href=\"https:\/\/www.dmsjuridica.com\/buscador_20179478954\/corteconstitucionalcronologico202454587\/t-277-03\/\" class=\"_self pt-cv-href-thumbnail pt-cv-thumb-default\" target=\"_self\" ><\/a>\n<div class=\"pt-cv-taxoterm above_title\"><a href='https:\/\/www.dmsjuridica.com\/buscador_20179478954\/corteconstitucionalcronologico202454587\/category\/buscar-en-toda-la-corte\/2003\/tutelas-2003\/' title='Tutelas 2003' class='pt-cv-tax-tutelas-2003'>Tutelas 2003<\/a><\/div>\n<h4 class=\"pt-cv-title\"><a href=\"https:\/\/www.dmsjuridica.com\/buscador_20179478954\/corteconstitucionalcronologico202454587\/t-277-03\/\" class=\"_self\" target=\"_self\" >T-277-03<\/a><\/h4>\n<div class=\"pt-cv-content\">\u00a0 \u00a0 Sentencia T-277\/03 \u00a0 ENTIDAD PROMOTORA DE SALUD-Suministro de tratamiento se\u00f1alado por m\u00e9dico tratante aunque no figure en listado del POS \u00a0 ACCION DE TUTELA-Improcedencia por no existir orden del m\u00e9dico tratante para cirug\u00eda de implante coclear \u00a0 Referencia: expediente T- 683831 \u00a0 Actor: Sandra Mabel Escobar \u00a0 \u00a0 Magistrado Ponente:\u00a0 \u00a0 Dr. MARCO GERARDO MONROY CABRA \u00a0 Bogot\u00e1 D.C., dos (2) de abril de dos mil tres (2003). \u00a0 La Sala Sexta de la Corte Constitucional, integrada por los Magistrados doctores, Eduardo Montealegre Lynett, Alvaro Tafur Galvis y Marco Gerardo Monroy Cabra, quien la preside, en ejercicio de ...<br \/><div class=\"pt-cv-rmwrap\"><a href=\"https:\/\/www.dmsjuridica.com\/buscador_20179478954\/corteconstitucionalcronologico202454587\/t-277-03\/\" class=\"_self pt-cv-readmore btn btn-success\" target=\"_self\">Ver Sentencia Completa...<\/a><\/div><\/div><\/div><\/div>\n<div class=\"col-md-12 col-sm-12 col-xs-12 pt-cv-content-item pt-cv-1-col\" ><div class='pt-cv-ifield'><a href=\"https:\/\/www.dmsjuridica.com\/buscador_20179478954\/corteconstitucionalcronologico202454587\/t-276-03\/\" class=\"_self pt-cv-href-thumbnail pt-cv-thumb-default\" target=\"_self\" ><\/a>\n<div class=\"pt-cv-taxoterm above_title\"><a href='https:\/\/www.dmsjuridica.com\/buscador_20179478954\/corteconstitucionalcronologico202454587\/category\/buscar-en-toda-la-corte\/2003\/tutelas-2003\/' title='Tutelas 2003' class='pt-cv-tax-tutelas-2003'>Tutelas 2003<\/a><\/div>\n<h4 class=\"pt-cv-title\"><a href=\"https:\/\/www.dmsjuridica.com\/buscador_20179478954\/corteconstitucionalcronologico202454587\/t-276-03\/\" class=\"_self\" target=\"_self\" >T-276-03<\/a><\/h4>\n<div class=\"pt-cv-content\">\u00a0 \u00a0 Sentencia T-276\/03 \u00a0 DISCAPACITADO-Protecci\u00f3n constitucional especial e internacional \u00a0 DERECHO A LA IGUALDAD DEL DISCAPACITADO-Protecci\u00f3n \u00a0 DERECHO A LA IGUALDAD DEL DISCAPACITADO-Accesibilidad \u00a0 DISCAPACITADO-Accesibilidad en edificios abiertos al p\u00fablico \u00a0 LIBERTAD DE LOCOMOCION-Alcance \u00a0 LIBERTAD DE LOCOMOCION DE DISCAPACITADOS-Protecci\u00f3n \u00a0 DERECHO A LA IGUALDAD DEL DISCAPACITADO-Discriminaci\u00f3n por barreras f\u00edsicas que impiden su acceso y desplazamiento \u00a0 ADMINISTRACION MUNICIPAL-Obligaci\u00f3n de eliminar barrera arquitect\u00f3nica al Palacio Municipal \u00a0 La administraci\u00f3n municipal desde hace varios a\u00f1os tiene la obligaci\u00f3n de dar aplicaci\u00f3n efectiva a una serie de disposiciones nacionales y locales que imponen la eliminaci\u00f3n de barreras arquitect\u00f3nicas en instalaciones y ...<br \/><div class=\"pt-cv-rmwrap\"><a href=\"https:\/\/www.dmsjuridica.com\/buscador_20179478954\/corteconstitucionalcronologico202454587\/t-276-03\/\" class=\"_self pt-cv-readmore btn btn-success\" target=\"_self\">Ver Sentencia Completa...<\/a><\/div><\/div><\/div><\/div>\n<div class=\"col-md-12 col-sm-12 col-xs-12 pt-cv-content-item pt-cv-1-col\" ><div class='pt-cv-ifield'><a href=\"https:\/\/www.dmsjuridica.com\/buscador_20179478954\/corteconstitucionalcronologico202454587\/t-275-03\/\" class=\"_self pt-cv-href-thumbnail pt-cv-thumb-default\" target=\"_self\" ><\/a>\n<div class=\"pt-cv-taxoterm above_title\"><a href='https:\/\/www.dmsjuridica.com\/buscador_20179478954\/corteconstitucionalcronologico202454587\/category\/buscar-en-toda-la-corte\/2003\/tutelas-2003\/' title='Tutelas 2003' class='pt-cv-tax-tutelas-2003'>Tutelas 2003<\/a><\/div>\n<h4 class=\"pt-cv-title\"><a href=\"https:\/\/www.dmsjuridica.com\/buscador_20179478954\/corteconstitucionalcronologico202454587\/t-275-03\/\" class=\"_self\" target=\"_self\" >T-275-03<\/a><\/h4>\n<div class=\"pt-cv-content\">\u00a0 \u00a0 Sentencia T-275\/03 \u00a0 ACCION DE TUTELA-Procedencia excepcional pago de mesadas pensionales \u00a0 DERECHO AL MINIMO VITAL DE PERSONA DE LA TERCERA EDAD-Retraso injustificado en pago de pensi\u00f3n \u00a0 DERECHO A LA SUBSISTENCIA DEL PENSIONADO-Pago oportuno de mesadas \u00a0 MUNICIPIO-Pago oportuno de mesadas pensionales \u00a0 ENTIDADES TERRITORIALES-Acuerdos de reestructuraci\u00f3n \u00a0 PROCESO DE REESTRUCTURACION DE ENTIDADES-Pago preferencial de acreencias laborales \u00a0 Referencia: expedientes acumulados T-683.011 y T-683.012 \u00a0 Acciones de tutela incoadas por Manuel Galarcio Ballesteros y otro y Andrea Corcho L\u00f3pez y otros contra el Municipio de Monter\u00eda (C\u00f3rdoba) \u00a0 Magistrado Ponente: \u00a0 Dr. JAIME C\u00d3RDOBA TRIVI\u00d1O \u00a0 Bogot\u00e1, ...<br \/><div class=\"pt-cv-rmwrap\"><a href=\"https:\/\/www.dmsjuridica.com\/buscador_20179478954\/corteconstitucionalcronologico202454587\/t-275-03\/\" class=\"_self pt-cv-readmore btn btn-success\" target=\"_self\">Ver Sentencia Completa...<\/a><\/div><\/div><\/div><\/div>\n<div class=\"col-md-12 col-sm-12 col-xs-12 pt-cv-content-item pt-cv-1-col\" ><div class='pt-cv-ifield'><a href=\"https:\/\/www.dmsjuridica.com\/buscador_20179478954\/corteconstitucionalcronologico202454587\/t-270-03\/\" class=\"_self pt-cv-href-thumbnail pt-cv-thumb-default\" target=\"_self\" ><\/a>\n<div class=\"pt-cv-taxoterm above_title\"><a href='https:\/\/www.dmsjuridica.com\/buscador_20179478954\/corteconstitucionalcronologico202454587\/category\/buscar-en-toda-la-corte\/2003\/tutelas-2003\/' title='Tutelas 2003' class='pt-cv-tax-tutelas-2003'>Tutelas 2003<\/a><\/div>\n<h4 class=\"pt-cv-title\"><a href=\"https:\/\/www.dmsjuridica.com\/buscador_20179478954\/corteconstitucionalcronologico202454587\/t-270-03\/\" class=\"_self\" target=\"_self\" >T-270-03<\/a><\/h4>\n<div class=\"pt-cv-content\">\u00a0 \u00a0 Sentencia T-270\/03 \u00a0 DERECHO A LA SALUD DE MENOR DE EDAD-Aplicaci\u00f3n de vacunas\u00a0 \u00a0 La EPS encargada de la prestaci\u00f3n del servicio no ha puesto en tela de juicio ni la enfermedad, ni la necesidad del medicamento, ni que la abuela de la menor es usuaria y la ni\u00f1a es beneficiaria. El argumento que esgrime es el de que las vacunas no se encuentran incluidas en el Plan Obligatorio de Salud (POS), ni dentro de los programas de promoci\u00f3n y prevenci\u00f3n que tiene el Gobierno establecido para cada zona del pa\u00eds. Cabe aclarar que efectivamente existe reglamentaci\u00f3n respecto ...<br \/><div class=\"pt-cv-rmwrap\"><a href=\"https:\/\/www.dmsjuridica.com\/buscador_20179478954\/corteconstitucionalcronologico202454587\/t-270-03\/\" class=\"_self pt-cv-readmore btn btn-success\" target=\"_self\">Ver Sentencia Completa...<\/a><\/div><\/div><\/div><\/div>\n<div class=\"col-md-12 col-sm-12 col-xs-12 pt-cv-content-item pt-cv-1-col\" ><div class='pt-cv-ifield'><a href=\"https:\/\/www.dmsjuridica.com\/buscador_20179478954\/corteconstitucionalcronologico202454587\/t-269-03\/\" class=\"_self pt-cv-href-thumbnail pt-cv-thumb-default\" target=\"_self\" ><\/a>\n<div class=\"pt-cv-taxoterm above_title\"><a href='https:\/\/www.dmsjuridica.com\/buscador_20179478954\/corteconstitucionalcronologico202454587\/category\/buscar-en-toda-la-corte\/2003\/tutelas-2003\/' title='Tutelas 2003' class='pt-cv-tax-tutelas-2003'>Tutelas 2003<\/a><\/div>\n<h4 class=\"pt-cv-title\"><a href=\"https:\/\/www.dmsjuridica.com\/buscador_20179478954\/corteconstitucionalcronologico202454587\/t-269-03\/\" class=\"_self\" target=\"_self\" >T-269-03<\/a><\/h4>\n<div class=\"pt-cv-content\">\u00a0 \u00a0 \u00a0\u00a0 Sentencia T-269\/03 \u00a0 BONOS PENSIONALES Y DERECHO A LA PENSION DE JUBILACION-Reconocimiento o pago no puede condicionarse a emisi\u00f3n o pago \u00a0 BONOS PENSIONALES-Solicitud para reclamo le corresponde a la entidad administradora de la pensi\u00f3n\/BONOS PENSIONALES-Demora en emisi\u00f3n impide acceso a pensi\u00f3n de jubilaci\u00f3n \u00a0 No le asiste raz\u00f3n al municipio accionado al decir que era obligaci\u00f3n del actor, aspirante a pensionado, presentar solicitud para reclamar el bono, puesto que el Decreto 1748 de 1995 se\u00f1al\u00f3 en su art\u00edculo 48 que \"Corresponde a las entidades administradoras adelantar, por cuenta del afiliado pero sin ning\u00fan costo para \u00e9ste, ...<br \/><div class=\"pt-cv-rmwrap\"><a href=\"https:\/\/www.dmsjuridica.com\/buscador_20179478954\/corteconstitucionalcronologico202454587\/t-269-03\/\" class=\"_self pt-cv-readmore btn btn-success\" target=\"_self\">Ver Sentencia Completa...<\/a><\/div><\/div><\/div><\/div>\n<div class=\"col-md-12 col-sm-12 col-xs-12 pt-cv-content-item pt-cv-1-col\" ><div class='pt-cv-ifield'><a href=\"https:\/\/www.dmsjuridica.com\/buscador_20179478954\/corteconstitucionalcronologico202454587\/t-268-03\/\" class=\"_self pt-cv-href-thumbnail pt-cv-thumb-default\" target=\"_self\" ><\/a>\n<div class=\"pt-cv-taxoterm above_title\"><a href='https:\/\/www.dmsjuridica.com\/buscador_20179478954\/corteconstitucionalcronologico202454587\/category\/buscar-en-toda-la-corte\/2003\/tutelas-2003\/' title='Tutelas 2003' class='pt-cv-tax-tutelas-2003'>Tutelas 2003<\/a><\/div>\n<h4 class=\"pt-cv-title\"><a href=\"https:\/\/www.dmsjuridica.com\/buscador_20179478954\/corteconstitucionalcronologico202454587\/t-268-03\/\" class=\"_self\" target=\"_self\" >T-268-03<\/a><\/h4>\n<div class=\"pt-cv-content\">\u00a0 \u00a0 \u00a0\u00a0 DESPLAZADOS INTERNOS-Concepto \u00a0 Con una interpretaci\u00f3n gramatical, se tiene que el inciso 1\u00b0 habla de abandono de la localidad o actividades econ\u00f3micas habituales, planteamiento que deja sin piso la posici\u00f3n de la Red de Solidaridad que exige para catalogar a una persona como desplazado interno que se traslade de municipio. Pero, lo que se desea resaltar es que cualquier norma sobre desplazamiento interno se debe interpretar a la luz de los Principios Rectores del Desplazamiento Forzado Interno. Por eso, la Corte ha dicho que para realizar una interpretaci\u00f3n razonable del inciso 2\u00b0 del art\u00edculo \u00a0del decreto 2569 ...<br \/><div class=\"pt-cv-rmwrap\"><a href=\"https:\/\/www.dmsjuridica.com\/buscador_20179478954\/corteconstitucionalcronologico202454587\/t-268-03\/\" class=\"_self pt-cv-readmore btn btn-success\" target=\"_self\">Ver Sentencia Completa...<\/a><\/div><\/div><\/div><\/div>\n<div class=\"col-md-12 col-sm-12 col-xs-12 pt-cv-content-item pt-cv-1-col\" ><div class='pt-cv-ifield'><a href=\"https:\/\/www.dmsjuridica.com\/buscador_20179478954\/corteconstitucionalcronologico202454587\/t-267-03\/\" class=\"_self pt-cv-href-thumbnail pt-cv-thumb-default\" target=\"_self\" ><\/a>\n<div class=\"pt-cv-taxoterm above_title\"><a href='https:\/\/www.dmsjuridica.com\/buscador_20179478954\/corteconstitucionalcronologico202454587\/category\/buscar-en-toda-la-corte\/2003\/tutelas-2003\/' title='Tutelas 2003' class='pt-cv-tax-tutelas-2003'>Tutelas 2003<\/a><\/div>\n<h4 class=\"pt-cv-title\"><a href=\"https:\/\/www.dmsjuridica.com\/buscador_20179478954\/corteconstitucionalcronologico202454587\/t-267-03\/\" class=\"_self\" target=\"_self\" >T-267-03<\/a><\/h4>\n<div class=\"pt-cv-content\">\u00a0 \u00a0 Sentencia T-267\/03 \u00a0 FUNDACION SAN JUAN DE DIOS-Pago de mesadas pensionales \u00a0 Reiteraci\u00f3n de Jurisprudencia \u00a0\u00a0 \u00a0 Referencia: expedientes Acumulados T-700904, T-700919, T-700920, T-700923 y T-703249.\u00a0 \u00a0 Acciones de tutela instauradas por los se\u00f1ores Jos\u00e9 Gabriel Mendoza Parra, Ida Mar\u00eda Valderrama de Urzola, Ana Elvira Puerto Clavijo, Melba Salgado Murillo y Ofelia Alvarez de Mackenzie contra el Ministerio de Hacienda y Cr\u00e9dito P\u00fablico y la Fundaci\u00f3n San Juan de Dios de Bogot\u00e1. \u00a0 Procedencia: Consejo de Estado secci\u00f3n 4\u00aa y 2\u00aa subsecci\u00f3n A. \u00a0 Magistrado Ponente: \u00a0 Dr. ALFREDO BELTR\u00c1N SIERRA \u00a0 La Sala Segunda de Revisi\u00f3n de ...<br \/><div class=\"pt-cv-rmwrap\"><a href=\"https:\/\/www.dmsjuridica.com\/buscador_20179478954\/corteconstitucionalcronologico202454587\/t-267-03\/\" class=\"_self pt-cv-readmore btn btn-success\" target=\"_self\">Ver Sentencia Completa...<\/a><\/div><\/div><\/div><\/div>\n<div class=\"col-md-12 col-sm-12 col-xs-12 pt-cv-content-item pt-cv-1-col\" ><div class='pt-cv-ifield'><a href=\"https:\/\/www.dmsjuridica.com\/buscador_20179478954\/corteconstitucionalcronologico202454587\/t-266-03\/\" class=\"_self pt-cv-href-thumbnail pt-cv-thumb-default\" target=\"_self\" ><\/a>\n<div class=\"pt-cv-taxoterm above_title\"><a href='https:\/\/www.dmsjuridica.com\/buscador_20179478954\/corteconstitucionalcronologico202454587\/category\/buscar-en-toda-la-corte\/2003\/tutelas-2003\/' title='Tutelas 2003' class='pt-cv-tax-tutelas-2003'>Tutelas 2003<\/a><\/div>\n<h4 class=\"pt-cv-title\"><a href=\"https:\/\/www.dmsjuridica.com\/buscador_20179478954\/corteconstitucionalcronologico202454587\/t-266-03\/\" class=\"_self\" target=\"_self\" >T-266-03<\/a><\/h4>\n<div class=\"pt-cv-content\">\u00a0 \u00a0 Sentencia T-266\/03 \u00a0 PENSION DE SOBREVIVIENTES-Suspensi\u00f3n\/DERECHO A LA EDUCACION-Suspensi\u00f3n de pensi\u00f3n por llegar hijo a los dieciocho a\u00f1os \u00a0 DERECHO DE PETICION-Solicitud sobre la suerte que corrieron los documentos que acreditaban la calidad de estudiante \u00a0 En este punto en donde para la Corte radica la violaci\u00f3n del derecho fundamental de petici\u00f3n a la actora, pues, independientemente de si los documentos que acompa\u00f1\u00f3 la demandante y que fueron recibidos por el ISS, satisfacen o no los requisitos exigidos por el Instituto, o si fueron aportados oportunamente o no, la actora, antes de que el ISS tomara la decisi\u00f3n ...<br \/><div class=\"pt-cv-rmwrap\"><a href=\"https:\/\/www.dmsjuridica.com\/buscador_20179478954\/corteconstitucionalcronologico202454587\/t-266-03\/\" class=\"_self pt-cv-readmore btn btn-success\" target=\"_self\">Ver Sentencia Completa...<\/a><\/div><\/div><\/div><\/div>\n<div class=\"col-md-12 col-sm-12 col-xs-12 pt-cv-content-item pt-cv-1-col\" ><div class='pt-cv-ifield'><a href=\"https:\/\/www.dmsjuridica.com\/buscador_20179478954\/corteconstitucionalcronologico202454587\/t-265-03\/\" class=\"_self pt-cv-href-thumbnail pt-cv-thumb-default\" target=\"_self\" ><\/a>\n<div class=\"pt-cv-taxoterm above_title\"><a href='https:\/\/www.dmsjuridica.com\/buscador_20179478954\/corteconstitucionalcronologico202454587\/category\/buscar-en-toda-la-corte\/2003\/tutelas-2003\/' title='Tutelas 2003' class='pt-cv-tax-tutelas-2003'>Tutelas 2003<\/a><\/div>\n<h4 class=\"pt-cv-title\"><a href=\"https:\/\/www.dmsjuridica.com\/buscador_20179478954\/corteconstitucionalcronologico202454587\/t-265-03\/\" class=\"_self\" target=\"_self\" >T-265-03<\/a><\/h4>\n<div class=\"pt-cv-content\">\u00a0 \u00a0 \u00a0 \u00a0 VIA DE HECHO EN PROCESO DE PERTENENCIA-Procedencia por violaci\u00f3n de principios procesales\/PRINCIPIO DE CONTRADICCION DE LA PRUEBA-Violaci\u00f3n \u00a0 En el presente caso, la sentencia proferida por el Juez y confirmada en grado de consulta por el tribunal accionado, es constitutiva de una v\u00eda de hecho, toda vez, que el proceso de pertenencia fue adelantado sin que al mismo concurrieran las personas indeterminadas que pudieran tener inter\u00e9s en el inmueble objeto del proceso; y, por cuanto en la pr\u00e1ctica de la prueba testimonial se cambiaron los testigos inicialmente solicitados sin que mediara auto que as\u00ed lo se\u00f1alara ...<br \/><div class=\"pt-cv-rmwrap\"><a href=\"https:\/\/www.dmsjuridica.com\/buscador_20179478954\/corteconstitucionalcronologico202454587\/t-265-03\/\" class=\"_self pt-cv-readmore btn btn-success\" target=\"_self\">Ver Sentencia Completa...<\/a><\/div><\/div><\/div><\/div>\n<div class=\"col-md-12 col-sm-12 col-xs-12 pt-cv-content-item pt-cv-1-col\" ><div class='pt-cv-ifield'><a href=\"https:\/\/www.dmsjuridica.com\/buscador_20179478954\/corteconstitucionalcronologico202454587\/t-264-03\/\" class=\"_self pt-cv-href-thumbnail pt-cv-thumb-default\" target=\"_self\" ><\/a>\n<div class=\"pt-cv-taxoterm above_title\"><a href='https:\/\/www.dmsjuridica.com\/buscador_20179478954\/corteconstitucionalcronologico202454587\/category\/buscar-en-toda-la-corte\/2003\/tutelas-2003\/' title='Tutelas 2003' class='pt-cv-tax-tutelas-2003'>Tutelas 2003<\/a><\/div>\n<h4 class=\"pt-cv-title\"><a href=\"https:\/\/www.dmsjuridica.com\/buscador_20179478954\/corteconstitucionalcronologico202454587\/t-264-03\/\" class=\"_self\" target=\"_self\" >T-264-03<\/a><\/h4>\n<div class=\"pt-cv-content\">\u00a0 \u00a0 Sentencia T-264\/03 \u00a0 ACCION DE TUTELA-Modalidades b\u00e1sicas de procedencia \u00a0 Existen dos modalidades b\u00e1sicas de procedencia de la acci\u00f3n de tutela: i) cuando el afectado no disponga de otro medio de defensa judicial, caso en el cual adquiere el car\u00e1cter de mecanismo subsidiario y el juez impartir\u00e1 una orden de car\u00e1cter definitivo; y, ii) cuando existiendo el medio de defensa judicial, \u00e9ste no es id\u00f3neo o eficaz para evitar un perjuicio irremediable. En este evento, la orden judicial se imparte con car\u00e1cter transitorio, mientras se emite pronunciamiento por el juez ordinario.\u00a0 \u00a0 JUEZ DE TUTELA-Verificaci\u00f3n afectaci\u00f3n de derechos ...<br \/><div class=\"pt-cv-rmwrap\"><a href=\"https:\/\/www.dmsjuridica.com\/buscador_20179478954\/corteconstitucionalcronologico202454587\/t-264-03\/\" class=\"_self pt-cv-readmore btn btn-success\" target=\"_self\">Ver Sentencia Completa...<\/a><\/div><\/div><\/div><\/div>\n<div class=\"col-md-12 col-sm-12 col-xs-12 pt-cv-content-item pt-cv-1-col\" ><div class='pt-cv-ifield'><a href=\"https:\/\/www.dmsjuridica.com\/buscador_20179478954\/corteconstitucionalcronologico202454587\/t-263-03\/\" class=\"_self pt-cv-href-thumbnail pt-cv-thumb-default\" target=\"_self\" ><\/a>\n<div class=\"pt-cv-taxoterm above_title\"><a href='https:\/\/www.dmsjuridica.com\/buscador_20179478954\/corteconstitucionalcronologico202454587\/category\/buscar-en-toda-la-corte\/2003\/tutelas-2003\/' title='Tutelas 2003' class='pt-cv-tax-tutelas-2003'>Tutelas 2003<\/a><\/div>\n<h4 class=\"pt-cv-title\"><a href=\"https:\/\/www.dmsjuridica.com\/buscador_20179478954\/corteconstitucionalcronologico202454587\/t-263-03\/\" class=\"_self\" target=\"_self\" >T-263-03<\/a><\/h4>\n<div class=\"pt-cv-content\">\u00a0 \u00a0 Sentencia T-263\/03 \u00a0 ACCION DE TUTELA TEMERARIA-Consecuencias que genera\/ACCION DE TUTELA TEMERARIA-Regulaci\u00f3n normativa \u00a0 Una de esas consecuencias que genera la actuaci\u00f3n temeraria es que se rechace la demanda, cuando tal situaci\u00f3n se detecta al momento de resolver sobre su admisi\u00f3n, o, que la solicitud de tutela se decida mediante sentencia desfavorable, cuando el tr\u00e1mite consigui\u00f3 todo su desarrollo. Es necesario reiterar tambi\u00e9n que la temeridad, en la ciencia procesal, est\u00e1 relacionada con quienes intervienen en un proceso o acci\u00f3n por cuanto se castiga la modalidad dolosa porque ese \u201cimprobus litigator\u201d se\u00f1ala una inclinaci\u00f3n da\u00f1osa del peticionario. Trat\u00e1ndose ...<br \/><div class=\"pt-cv-rmwrap\"><a href=\"https:\/\/www.dmsjuridica.com\/buscador_20179478954\/corteconstitucionalcronologico202454587\/t-263-03\/\" class=\"_self pt-cv-readmore btn btn-success\" target=\"_self\">Ver Sentencia Completa...<\/a><\/div><\/div><\/div><\/div>\n<div class=\"col-md-12 col-sm-12 col-xs-12 pt-cv-content-item pt-cv-1-col\" ><div class='pt-cv-ifield'><a href=\"https:\/\/www.dmsjuridica.com\/buscador_20179478954\/corteconstitucionalcronologico202454587\/t-262-03\/\" class=\"_self pt-cv-href-thumbnail pt-cv-thumb-default\" target=\"_self\" ><\/a>\n<div class=\"pt-cv-taxoterm above_title\"><a href='https:\/\/www.dmsjuridica.com\/buscador_20179478954\/corteconstitucionalcronologico202454587\/category\/buscar-en-toda-la-corte\/2003\/tutelas-2003\/' title='Tutelas 2003' class='pt-cv-tax-tutelas-2003'>Tutelas 2003<\/a><\/div>\n<h4 class=\"pt-cv-title\"><a href=\"https:\/\/www.dmsjuridica.com\/buscador_20179478954\/corteconstitucionalcronologico202454587\/t-262-03\/\" class=\"_self\" target=\"_self\" >T-262-03<\/a><\/h4>\n<div class=\"pt-cv-content\">EMPRESA DE ACUEDUCTO Y ALCANTARILLADO DE BOGOTA-Embargo de bien inmueble por deuda del propietario\/NOTIFICACION DE AUTO DE MANDAMIENTO DE PAGO-Debe hacerse a la direcci\u00f3n indicada por el propietario \u00a0 ACCION DE TUTELA-Inmediatez \u00a0 Que la acci\u00f3n de tutela (medio) pueda ser utilizada en cualquier tiempo no significa que la misma no requiera de un t\u00e9rmino razonable para hacerlo, en cuanto el fin perseguido es la protecci\u00f3n integral y eficaz de los derechos vulnerados. De tal manera que no le es dable al accionante esperar el transcurso del tiempo para ejercer la acci\u00f3n cuando desde el mismo momento de la acci\u00f3n ...<br \/><div class=\"pt-cv-rmwrap\"><a href=\"https:\/\/www.dmsjuridica.com\/buscador_20179478954\/corteconstitucionalcronologico202454587\/t-262-03\/\" class=\"_self pt-cv-readmore btn btn-success\" target=\"_self\">Ver Sentencia Completa...<\/a><\/div><\/div><\/div><\/div>\n<div class=\"col-md-12 col-sm-12 col-xs-12 pt-cv-content-item pt-cv-1-col\" ><div class='pt-cv-ifield'><a href=\"https:\/\/www.dmsjuridica.com\/buscador_20179478954\/corteconstitucionalcronologico202454587\/t-261-03\/\" class=\"_self pt-cv-href-thumbnail pt-cv-thumb-default\" target=\"_self\" ><\/a>\n<div class=\"pt-cv-taxoterm above_title\"><a href='https:\/\/www.dmsjuridica.com\/buscador_20179478954\/corteconstitucionalcronologico202454587\/category\/buscar-en-toda-la-corte\/2003\/tutelas-2003\/' title='Tutelas 2003' class='pt-cv-tax-tutelas-2003'>Tutelas 2003<\/a><\/div>\n<h4 class=\"pt-cv-title\"><a href=\"https:\/\/www.dmsjuridica.com\/buscador_20179478954\/corteconstitucionalcronologico202454587\/t-261-03\/\" class=\"_self\" target=\"_self\" >T-261-03<\/a><\/h4>\n<div class=\"pt-cv-content\">\u00a0 \u00a0 Sentencia T-261\/03 \u00a0 Reiteraci\u00f3n de Jurisprudencia \u00a0 Referencia: expediente T-686131 \u00a0 Acci\u00f3n de tutela instaurada por Blanca Nieves Campos de Lozano contra Salud Total E.P.S. Sucursal Ibagu\u00e9. \u00a0 Magistrado Ponente: \u00a0 Dr. JAIME ARA\u00daJO RENTER\u00cdA \u00a0 Bogot\u00e1, D.C., veintis\u00e9is (26) de Marzo de dos mil tres (2003). \u00a0 La Sala Primera de Revisi\u00f3n de la Corte Constitucional, en ejercicio de sus competencias constitucionales y legales, en particular las contenidas en los art\u00edculos 86 y 241, numeral 9, de la Constituci\u00f3n y el Decreto 2591 de 1991, ha proferido la siguiente \u00a0 SENTENCIA \u00a0 dentro del proceso de revisi\u00f3n ...<br \/><div class=\"pt-cv-rmwrap\"><a href=\"https:\/\/www.dmsjuridica.com\/buscador_20179478954\/corteconstitucionalcronologico202454587\/t-261-03\/\" class=\"_self pt-cv-readmore btn btn-success\" target=\"_self\">Ver Sentencia Completa...<\/a><\/div><\/div><\/div><\/div>\n<div class=\"col-md-12 col-sm-12 col-xs-12 pt-cv-content-item pt-cv-1-col\" ><div class='pt-cv-ifield'><a href=\"https:\/\/www.dmsjuridica.com\/buscador_20179478954\/corteconstitucionalcronologico202454587\/t-260-03\/\" class=\"_self pt-cv-href-thumbnail pt-cv-thumb-default\" target=\"_self\" ><\/a>\n<div class=\"pt-cv-taxoterm above_title\"><a href='https:\/\/www.dmsjuridica.com\/buscador_20179478954\/corteconstitucionalcronologico202454587\/category\/buscar-en-toda-la-corte\/2003\/tutelas-2003\/' title='Tutelas 2003' class='pt-cv-tax-tutelas-2003'>Tutelas 2003<\/a><\/div>\n<h4 class=\"pt-cv-title\"><a href=\"https:\/\/www.dmsjuridica.com\/buscador_20179478954\/corteconstitucionalcronologico202454587\/t-260-03\/\" class=\"_self\" target=\"_self\" >T-260-03<\/a><\/h4>\n<div class=\"pt-cv-content\">\u00a0 \u00a0 Sentencia T-260\/03 \u00a0 ACCION DE TUTELA-Procedencia excepcional pago de acreencias laborales \u00a0 ACCION DE TUTELA-Hecho superado por pago de acreencias laborales \u00a0 Reiteraci\u00f3n de Jurisprudencia \u00a0 Referencia: expedientes acumulados\u00a0 \u00a0 T 684043 y T-683044\u00a0 \u00a0 Acciones de tutela instauradas por Luz Marina G\u00f3mez D\u00edaz y Carmen Mu\u00f1iz Serrano contra Hospital San Juan de Dios de San Vicente de Chucur\u00ed \u00a0 Magistrado Ponente: \u00a0 Dr. JAIME ARAUJO RENTER\u00cdA \u00a0 Bogot\u00e1 D.C., veintis\u00e9is (26) de marzo de dos mil tres (2003). \u00a0 La Sala Primera de Revisi\u00f3n de la Corte Constitucional, integrada por los Magistrados JAIME ARAUJO RENTER\u00cdA, ALFREDO BELTR\u00c1N ...<br \/><div class=\"pt-cv-rmwrap\"><a href=\"https:\/\/www.dmsjuridica.com\/buscador_20179478954\/corteconstitucionalcronologico202454587\/t-260-03\/\" class=\"_self pt-cv-readmore btn btn-success\" target=\"_self\">Ver Sentencia Completa...<\/a><\/div><\/div><\/div><\/div>\n<div class=\"col-md-12 col-sm-12 col-xs-12 pt-cv-content-item pt-cv-1-col\" ><div class='pt-cv-ifield'><a href=\"https:\/\/www.dmsjuridica.com\/buscador_20179478954\/corteconstitucionalcronologico202454587\/t-259-03\/\" class=\"_self pt-cv-href-thumbnail pt-cv-thumb-default\" target=\"_self\" ><\/a>\n<div class=\"pt-cv-taxoterm above_title\"><a href='https:\/\/www.dmsjuridica.com\/buscador_20179478954\/corteconstitucionalcronologico202454587\/category\/buscar-en-toda-la-corte\/2003\/tutelas-2003\/' title='Tutelas 2003' class='pt-cv-tax-tutelas-2003'>Tutelas 2003<\/a><\/div>\n<h4 class=\"pt-cv-title\"><a href=\"https:\/\/www.dmsjuridica.com\/buscador_20179478954\/corteconstitucionalcronologico202454587\/t-259-03\/\" class=\"_self\" target=\"_self\" >T-259-03<\/a><\/h4>\n<div class=\"pt-cv-content\">\u00a0 \u00a0 Sentencia T-259\/03 \u00a0 PENSION DE INVALIDEZ DE ENFERMO DE SIDA-Debilidad manifiesta \u00a0 ACCION DE TUTELA TRANSITORIA A FAVOR DE ENFERMO DE SIDA-Procedencia para pago de pensi\u00f3n \u00a0 PENSION DE INVALIDEZ-Conflicto entre dos Administradoras de Fondos de Pensiones no puede afectar a la persona \u00a0 Resulta evidente para la Corte que el solicitante se encontraba cotizando al Sistema Nacional de Seguridad Social en Pensiones, y que por lo tanto, su derecho a alcanzar dicha prestaci\u00f3n econ\u00f3mica es indiscutible. Asimismo, definir a cargo de cu\u00e1l Administradora de Fondos de Pensiones y Cesant\u00edas est\u00e1 el reconocimiento y pago de la pensi\u00f3n ...<br \/><div class=\"pt-cv-rmwrap\"><a href=\"https:\/\/www.dmsjuridica.com\/buscador_20179478954\/corteconstitucionalcronologico202454587\/t-259-03\/\" class=\"_self pt-cv-readmore btn btn-success\" target=\"_self\">Ver Sentencia Completa...<\/a><\/div><\/div><\/div><\/div>\n<div class=\"col-md-12 col-sm-12 col-xs-12 pt-cv-content-item pt-cv-1-col\" ><div class='pt-cv-ifield'><a href=\"https:\/\/www.dmsjuridica.com\/buscador_20179478954\/corteconstitucionalcronologico202454587\/t-258-03\/\" class=\"_self pt-cv-href-thumbnail pt-cv-thumb-default\" target=\"_self\" ><\/a>\n<div class=\"pt-cv-taxoterm above_title\"><a href='https:\/\/www.dmsjuridica.com\/buscador_20179478954\/corteconstitucionalcronologico202454587\/category\/buscar-en-toda-la-corte\/2003\/tutelas-2003\/' title='Tutelas 2003' class='pt-cv-tax-tutelas-2003'>Tutelas 2003<\/a><\/div>\n<h4 class=\"pt-cv-title\"><a href=\"https:\/\/www.dmsjuridica.com\/buscador_20179478954\/corteconstitucionalcronologico202454587\/t-258-03\/\" class=\"_self\" target=\"_self\" >T-258-03<\/a><\/h4>\n<div class=\"pt-cv-content\">\u00a0 \u00a0 Sentencia T-258\/03 \u00a0 PENSION DE JUBILACION-No demostraci\u00f3n afectaci\u00f3n m\u00ednimo vital por controversia sobre factores de liquidaci\u00f3n \u00a0 La Sala encuentra que el demandante no se halla ante la amenaza de un perjuicio irremediable que requiera de medidas judiciales inmediatas e impostergables, debido a que de acuerdo con lo acreditado dentro del expediente, sus derechos fundamentales al m\u00ednimo vital, a la seguridad social y a la salud se encuentran asegurados. Por un lado, el demandante recibe mensualmente su pensi\u00f3n de jubilaci\u00f3n por un monto no despreciable, y por otro, su seguridad social en salud, as\u00ed como la de sus ...<br \/><div class=\"pt-cv-rmwrap\"><a href=\"https:\/\/www.dmsjuridica.com\/buscador_20179478954\/corteconstitucionalcronologico202454587\/t-258-03\/\" class=\"_self pt-cv-readmore btn btn-success\" target=\"_self\">Ver Sentencia Completa...<\/a><\/div><\/div><\/div><\/div>\n<div class=\"col-md-12 col-sm-12 col-xs-12 pt-cv-content-item pt-cv-1-col\" ><div class='pt-cv-ifield'><a href=\"https:\/\/www.dmsjuridica.com\/buscador_20179478954\/corteconstitucionalcronologico202454587\/t-257-03\/\" class=\"_self pt-cv-href-thumbnail pt-cv-thumb-default\" target=\"_self\" ><\/a>\n<div class=\"pt-cv-taxoterm above_title\"><a href='https:\/\/www.dmsjuridica.com\/buscador_20179478954\/corteconstitucionalcronologico202454587\/category\/buscar-en-toda-la-corte\/2003\/tutelas-2003\/' title='Tutelas 2003' class='pt-cv-tax-tutelas-2003'>Tutelas 2003<\/a><\/div>\n<h4 class=\"pt-cv-title\"><a href=\"https:\/\/www.dmsjuridica.com\/buscador_20179478954\/corteconstitucionalcronologico202454587\/t-257-03\/\" class=\"_self\" target=\"_self\" >T-257-03<\/a><\/h4>\n<div class=\"pt-cv-content\">\u00a0 \u00a0 Sentencia T-257\/03 \u00a0 ACCION DE TUTELA CONTRA PARTICULARES-Inexistencia de subordinaci\u00f3n e indefensi\u00f3n\/ACCION DE TUTELA CONTRA EMPRESA DE TRANSPORTE-Solicitud devoluci\u00f3n de aportes hechos a Fondo de Reposici\u00f3n es una controversia de orden legal \u00a0 Reiteraci\u00f3n de Jurisprudencia \u00a0 Referencia: expediente T-674783 \u00a0 Acci\u00f3n de tutela instaurada por Milciades Pulido Buitrago contra la sociedad Flota Andr\u00e9s L\u00f3pez de Galarza S.A. \u00a0 Magistrado Ponente: \u00a0 Dr. RODRIGO ESCOBAR GIL \u00a0 Bogot\u00e1, D.C., veinticinco (25) de marzo de dos mil tres (2003). \u00a0 La Sala Quinta de revisi\u00f3n de la Corte Constitucional, en ejercicio de sus competencias constitucionales y legales, en particular ...<br \/><div class=\"pt-cv-rmwrap\"><a href=\"https:\/\/www.dmsjuridica.com\/buscador_20179478954\/corteconstitucionalcronologico202454587\/t-257-03\/\" class=\"_self pt-cv-readmore btn btn-success\" target=\"_self\">Ver Sentencia Completa...<\/a><\/div><\/div><\/div><\/div>\n<div class=\"col-md-12 col-sm-12 col-xs-12 pt-cv-content-item pt-cv-1-col\" ><div class='pt-cv-ifield'><a href=\"https:\/\/www.dmsjuridica.com\/buscador_20179478954\/corteconstitucionalcronologico202454587\/t-256-03\/\" class=\"_self pt-cv-href-thumbnail pt-cv-thumb-default\" target=\"_self\" ><\/a>\n<div class=\"pt-cv-taxoterm above_title\"><a href='https:\/\/www.dmsjuridica.com\/buscador_20179478954\/corteconstitucionalcronologico202454587\/category\/buscar-en-toda-la-corte\/2003\/tutelas-2003\/' title='Tutelas 2003' class='pt-cv-tax-tutelas-2003'>Tutelas 2003<\/a><\/div>\n<h4 class=\"pt-cv-title\"><a href=\"https:\/\/www.dmsjuridica.com\/buscador_20179478954\/corteconstitucionalcronologico202454587\/t-256-03\/\" class=\"_self\" target=\"_self\" >T-256-03<\/a><\/h4>\n<div class=\"pt-cv-content\">\u00a0 \u00a0 Sentencia T-256\/03 \u00a0 IUS VARIANDI-Reglas que deben observarse\u00a0 \u00a0 La facultad del empleador de trasladar a sus trabajadores no es absoluta, pues encuentra sus l\u00edmites en las disposiciones de la Constituci\u00f3n Pol\u00edtica que exigen que el trabajo debe desarrollarse en condiciones dignas y justas y bajo los principios m\u00ednimos fundamentales se\u00f1alados por el art\u00edculo 53. El poder discrecional de la administraci\u00f3n para modificar la ubicaci\u00f3n de sus funcionarios no puede ser utilizado en forma arbitraria, y en caso de que as\u00ed lo sea, podr\u00e1 ser acusada, en situaciones especiales, por medio de la acci\u00f3n de tutela. Ello significa, ...<br \/><div class=\"pt-cv-rmwrap\"><a href=\"https:\/\/www.dmsjuridica.com\/buscador_20179478954\/corteconstitucionalcronologico202454587\/t-256-03\/\" class=\"_self pt-cv-readmore btn btn-success\" target=\"_self\">Ver Sentencia Completa...<\/a><\/div><\/div><\/div><\/div>\n<div class=\"col-md-12 col-sm-12 col-xs-12 pt-cv-content-item pt-cv-1-col\" ><div class='pt-cv-ifield'><a href=\"https:\/\/www.dmsjuridica.com\/buscador_20179478954\/corteconstitucionalcronologico202454587\/t-249-03\/\" class=\"_self pt-cv-href-thumbnail pt-cv-thumb-default\" target=\"_self\" ><\/a>\n<div class=\"pt-cv-taxoterm above_title\"><a href='https:\/\/www.dmsjuridica.com\/buscador_20179478954\/corteconstitucionalcronologico202454587\/category\/buscar-en-toda-la-corte\/2003\/tutelas-2003\/' title='Tutelas 2003' class='pt-cv-tax-tutelas-2003'>Tutelas 2003<\/a><\/div>\n<h4 class=\"pt-cv-title\"><a href=\"https:\/\/www.dmsjuridica.com\/buscador_20179478954\/corteconstitucionalcronologico202454587\/t-249-03\/\" class=\"_self\" target=\"_self\" >T-249-03<\/a><\/h4>\n<div class=\"pt-cv-content\">\u00a0 \u00a0 Sentencia T-249\/03 \u00a0 DECISION JUDICIAL-Motivaci\u00f3n no debe ser incompatible con el ordenamiento constitucional y la jurisprudencia \u00a0 La validez de toda decisi\u00f3n estatal est\u00e1 sujeta a que se respeten par\u00e1metros constitucionales en la interpretaci\u00f3n y aplicaci\u00f3n de la ley o en la producci\u00f3n normativa. En este orden de ideas, no basta que se motive una decisi\u00f3n judicial, si \u00e9sta contraviene la jurisprudencia de la Corte Constitucional o resultan incompatibles con el ordenamiento constitucional. \u00a0 COSA JUZGADA IMPLICITA \u00a0 OBITER DICTA-Criterio auxiliar \u00a0 Ello no implica que el obiter dictum de una sentencia de Control de Constitucionalidad abstracto carezca ...<br \/><div class=\"pt-cv-rmwrap\"><a href=\"https:\/\/www.dmsjuridica.com\/buscador_20179478954\/corteconstitucionalcronologico202454587\/t-249-03\/\" class=\"_self pt-cv-readmore btn btn-success\" target=\"_self\">Ver Sentencia Completa...<\/a><\/div><\/div><\/div><\/div>\n<div class=\"col-md-12 col-sm-12 col-xs-12 pt-cv-content-item pt-cv-1-col\" ><div class='pt-cv-ifield'><a href=\"https:\/\/www.dmsjuridica.com\/buscador_20179478954\/corteconstitucionalcronologico202454587\/t-248-03\/\" class=\"_self pt-cv-href-thumbnail pt-cv-thumb-default\" target=\"_self\" ><\/a>\n<div class=\"pt-cv-taxoterm above_title\"><a href='https:\/\/www.dmsjuridica.com\/buscador_20179478954\/corteconstitucionalcronologico202454587\/category\/buscar-en-toda-la-corte\/2003\/tutelas-2003\/' title='Tutelas 2003' class='pt-cv-tax-tutelas-2003'>Tutelas 2003<\/a><\/div>\n<h4 class=\"pt-cv-title\"><a href=\"https:\/\/www.dmsjuridica.com\/buscador_20179478954\/corteconstitucionalcronologico202454587\/t-248-03\/\" class=\"_self\" target=\"_self\" >T-248-03<\/a><\/h4>\n<div class=\"pt-cv-content\">\u00a0 \u00a0 Sentencia T-248\/03 \u00a0 LEGITIMACION POR ACTIVA-Padres de la menor tienen la obligaci\u00f3n de obtener autorizaci\u00f3n judicial para cirug\u00eda de esterilizaci\u00f3n \u00a0 La madre de la menor ten\u00eda la obligaci\u00f3n de obtener una autorizaci\u00f3n judicial para la realizaci\u00f3n de la intervenci\u00f3n quir\u00fargica dispuesta por el m\u00e9dico tratante. Mientras no se lograra dicha autorizaci\u00f3n, no pod\u00eda la acudiente (en este caso la madre de la menor) solicitar al juez constitucional la protecci\u00f3n de los derechos de la paciente. Sobra decirlo, el Seguro Social tampoco pod\u00eda solicitar autorizaci\u00f3n del ICBF. En dicho proceso judicial, no sobra indicarlo, debe quedar plenamente demostrado ...<br \/><div class=\"pt-cv-rmwrap\"><a href=\"https:\/\/www.dmsjuridica.com\/buscador_20179478954\/corteconstitucionalcronologico202454587\/t-248-03\/\" class=\"_self pt-cv-readmore btn btn-success\" target=\"_self\">Ver Sentencia Completa...<\/a><\/div><\/div><\/div><\/div>\n<div class=\"col-md-12 col-sm-12 col-xs-12 pt-cv-content-item pt-cv-1-col\" ><div class='pt-cv-ifield'><a href=\"https:\/\/www.dmsjuridica.com\/buscador_20179478954\/corteconstitucionalcronologico202454587\/t-247-03\/\" class=\"_self pt-cv-href-thumbnail pt-cv-thumb-default\" target=\"_self\" ><\/a>\n<div class=\"pt-cv-taxoterm above_title\"><a href='https:\/\/www.dmsjuridica.com\/buscador_20179478954\/corteconstitucionalcronologico202454587\/category\/buscar-en-toda-la-corte\/2003\/tutelas-2003\/' title='Tutelas 2003' class='pt-cv-tax-tutelas-2003'>Tutelas 2003<\/a><\/div>\n<h4 class=\"pt-cv-title\"><a href=\"https:\/\/www.dmsjuridica.com\/buscador_20179478954\/corteconstitucionalcronologico202454587\/t-247-03\/\" class=\"_self\" target=\"_self\" >T-247-03<\/a><\/h4>\n<div class=\"pt-cv-content\">\u00a0 \u00a0 Sentencia T-247\/03 \u00a0 DERECHO A LA REMUNERACION ACTUALIZADA DE CONJUEZ-Competencia de la jurisdicci\u00f3n administrativa\/DERECHO AL TRABAJO EN CONDICIONES DIGNAS Y JUSTAS DE CONJUEZ \u00a0 Compete a la jurisdicci\u00f3n administrativa -si el actor entabla la demanda pertinente- restablecer el derecho fundamental del doctor V\u00e1squez Villa a acceder a una remuneraci\u00f3n que consulte las previsiones constitucionales, de conformidad con los par\u00e1metros se\u00f1alados para el efecto por el legislador, y en consideraci\u00f3n a las especificidades que rodearon la prestaci\u00f3n del servicio. El apoderado del actor invoca en subsidio un amparo transitorio, mientras su representado acude ante la jurisdicci\u00f3n, pero la Sala ...<br \/><div class=\"pt-cv-rmwrap\"><a href=\"https:\/\/www.dmsjuridica.com\/buscador_20179478954\/corteconstitucionalcronologico202454587\/t-247-03\/\" class=\"_self pt-cv-readmore btn btn-success\" target=\"_self\">Ver Sentencia Completa...<\/a><\/div><\/div><\/div><\/div>\n<div class=\"col-md-12 col-sm-12 col-xs-12 pt-cv-content-item pt-cv-1-col\" ><div class='pt-cv-ifield'><a href=\"https:\/\/www.dmsjuridica.com\/buscador_20179478954\/corteconstitucionalcronologico202454587\/t-246-03\/\" class=\"_self pt-cv-href-thumbnail pt-cv-thumb-default\" target=\"_self\" ><\/a>\n<div class=\"pt-cv-taxoterm above_title\"><a href='https:\/\/www.dmsjuridica.com\/buscador_20179478954\/corteconstitucionalcronologico202454587\/category\/buscar-en-toda-la-corte\/2003\/tutelas-2003\/' title='Tutelas 2003' class='pt-cv-tax-tutelas-2003'>Tutelas 2003<\/a><\/div>\n<h4 class=\"pt-cv-title\"><a href=\"https:\/\/www.dmsjuridica.com\/buscador_20179478954\/corteconstitucionalcronologico202454587\/t-246-03\/\" class=\"_self\" target=\"_self\" >T-246-03<\/a><\/h4>\n<div class=\"pt-cv-content\">\u00a0 \u00a0 Sentencia T-246\/03 \u00a0 INEMBARGABILIDAD DE PENSIONES-Embargo de cuenta corriente por la DIAN\/INEMBARGABILIDAD DE PENSIONES-Obligaci\u00f3n del deudor de informar la calidad de inembargabilidad de esos dineros \u00a0 Se impone concluir, que si el deudor, que es a quien corresponde demostrar la ocurrencia de alguno de los eventos que prev\u00e9 la Ley para que los bienes sean inembargables, no acredita oportunamente tal calidad respecto a los dineros que posee en la cuenta bancaria objeto de embargo, la Administraci\u00f3n Tributaria en uso de sus facultades de cobro, debe actuar y utilizar los procedimientos coactivos que le concede la Ley para hacer ...<br \/><div class=\"pt-cv-rmwrap\"><a href=\"https:\/\/www.dmsjuridica.com\/buscador_20179478954\/corteconstitucionalcronologico202454587\/t-246-03\/\" class=\"_self pt-cv-readmore btn btn-success\" target=\"_self\">Ver Sentencia Completa...<\/a><\/div><\/div><\/div><\/div>\n<div class=\"col-md-12 col-sm-12 col-xs-12 pt-cv-content-item pt-cv-1-col\" ><div class='pt-cv-ifield'><a href=\"https:\/\/www.dmsjuridica.com\/buscador_20179478954\/corteconstitucionalcronologico202454587\/t-245-03\/\" class=\"_self pt-cv-href-thumbnail pt-cv-thumb-default\" target=\"_self\" ><\/a>\n<div class=\"pt-cv-taxoterm above_title\"><a href='https:\/\/www.dmsjuridica.com\/buscador_20179478954\/corteconstitucionalcronologico202454587\/category\/buscar-en-toda-la-corte\/2003\/tutelas-2003\/' title='Tutelas 2003' class='pt-cv-tax-tutelas-2003'>Tutelas 2003<\/a><\/div>\n<h4 class=\"pt-cv-title\"><a href=\"https:\/\/www.dmsjuridica.com\/buscador_20179478954\/corteconstitucionalcronologico202454587\/t-245-03\/\" class=\"_self\" target=\"_self\" >T-245-03<\/a><\/h4>\n<div class=\"pt-cv-content\">\u00a0 \u00a0 Sentencia T-245\/03 \u00a0 DERECHO DE PETICION FRENTE AL SILENCIO ADMINISTRATIVO NEGATIVO-Deber de resolver la solicitud\/DERECHO DE PETICION FRENTE AL SILENCIO ADMINISTRATIVO NEGATIVO-Resoluci\u00f3n oportuna de recurso de reposici\u00f3n \u00a0 Reiteraci\u00f3n de Jurisprudencia \u00a0 Referencia: expediente T-679088 \u00a0 Acci\u00f3n de tutela instaurada por Zenaida Mart\u00ednez contra el Departamento de Boyac\u00e1, la Secretar\u00eda de Hacienda Departamental y la Caja de Previsi\u00f3n Social de Boyac\u00e1. \u00a0 Magistrada Ponente: \u00a0 Dra. CLARA INES VARGAS HERNANDEZ \u00a0 Bogot\u00e1, D.C., veinte (20) de marzo de dos mil tres (2003). \u00a0 La Sala Novena de Revisi\u00f3n de la Corte Constitucional, en ejercicio de sus competencias constitucionales ...<br \/><div class=\"pt-cv-rmwrap\"><a href=\"https:\/\/www.dmsjuridica.com\/buscador_20179478954\/corteconstitucionalcronologico202454587\/t-245-03\/\" class=\"_self pt-cv-readmore btn btn-success\" target=\"_self\">Ver Sentencia Completa...<\/a><\/div><\/div><\/div><\/div>\n<div class=\"col-md-12 col-sm-12 col-xs-12 pt-cv-content-item pt-cv-1-col\" ><div class='pt-cv-ifield'><a href=\"https:\/\/www.dmsjuridica.com\/buscador_20179478954\/corteconstitucionalcronologico202454587\/t-244-03\/\" class=\"_self pt-cv-href-thumbnail pt-cv-thumb-default\" target=\"_self\" ><\/a>\n<div class=\"pt-cv-taxoterm above_title\"><a href='https:\/\/www.dmsjuridica.com\/buscador_20179478954\/corteconstitucionalcronologico202454587\/category\/buscar-en-toda-la-corte\/2003\/tutelas-2003\/' title='Tutelas 2003' class='pt-cv-tax-tutelas-2003'>Tutelas 2003<\/a><\/div>\n<h4 class=\"pt-cv-title\"><a href=\"https:\/\/www.dmsjuridica.com\/buscador_20179478954\/corteconstitucionalcronologico202454587\/t-244-03\/\" class=\"_self\" target=\"_self\" >T-244-03<\/a><\/h4>\n<div class=\"pt-cv-content\">\u00a0 \u00a0 Sentencia T-244\/03 \u00a0 PLAN OBLIGATORIO DE SALUD-No suministro de medicamento a menor de edad \u00a0 DERECHO A LA SALUD DEL NI\u00d1O-Suministro de hormona de crecimiento\/ENTIDAD PROMOTORA DE SALUD-Suministro de hormona de crecimiento \u00a0 Reiteraci\u00f3n de Jurisprudencia \u00a0 Referencia: expediente T-684524 \u00a0 Acci\u00f3n de tutela instaurada por Mar\u00eda Soraida Casta\u00f1o Duque contra Salud Total E.P.S.. \u00a0 Magistrada Ponente: \u00a0 Dr. CLARA IN\u00c9S VARGAS HERN\u00c1NDEZ \u00a0 Bogot\u00e1, D.C., veinte (20) de marzo de dos mil tres (2003). \u00a0 La Sala Novena de Revisi\u00f3n de la Corte Constitucional, en ejercicio de sus competencias constitucionales y legales, en particular las contenidas en ...<br \/><div class=\"pt-cv-rmwrap\"><a href=\"https:\/\/www.dmsjuridica.com\/buscador_20179478954\/corteconstitucionalcronologico202454587\/t-244-03\/\" class=\"_self pt-cv-readmore btn btn-success\" target=\"_self\">Ver Sentencia Completa...<\/a><\/div><\/div><\/div><\/div>\n<div class=\"col-md-12 col-sm-12 col-xs-12 pt-cv-content-item pt-cv-1-col\" ><div class='pt-cv-ifield'><a href=\"https:\/\/www.dmsjuridica.com\/buscador_20179478954\/corteconstitucionalcronologico202454587\/t-243-03\/\" class=\"_self pt-cv-href-thumbnail pt-cv-thumb-default\" target=\"_self\" ><\/a>\n<div class=\"pt-cv-taxoterm above_title\"><a href='https:\/\/www.dmsjuridica.com\/buscador_20179478954\/corteconstitucionalcronologico202454587\/category\/buscar-en-toda-la-corte\/2003\/tutelas-2003\/' title='Tutelas 2003' class='pt-cv-tax-tutelas-2003'>Tutelas 2003<\/a><\/div>\n<h4 class=\"pt-cv-title\"><a href=\"https:\/\/www.dmsjuridica.com\/buscador_20179478954\/corteconstitucionalcronologico202454587\/t-243-03\/\" class=\"_self\" target=\"_self\" >T-243-03<\/a><\/h4>\n<div class=\"pt-cv-content\">\u00a0 \u00a0 Sentencia T-243\/03 \u00a0 ACCION DE TUTELA-Hecho superado por reconocimiento de pensi\u00f3n de invalidez \u00a0 ACCION DE TUTELA-Hecho superado por ya no estar afiliado a la EPS demandada \u00a0 Reiteraci\u00f3n de Jurisprudencia \u00a0 Referencia: expediente T-653144 \u00a0 Acci\u00f3n de tutela instaurada por Juan Carlos Alonso Ort\u00edz y Jos\u00e9 Daniel Alonso Ort\u00edz, en representaci\u00f3n del se\u00f1or Jos\u00e9 Alonso Pinz\u00f3n contra la E.P.S. Colpatria. \u00a0 Magistrado Ponente: \u00a0 Dr. EDUARDO MONTEALEGRE LYNETT \u00a0 Bogot\u00e1, D.C., veinte (20) de marzo de dos mil tres (2003). \u00a0 La Sala S\u00e9ptima de Revisi\u00f3n de la Corte Constitucional, en ejercicio de sus competencias constitucionales y ...<br \/><div class=\"pt-cv-rmwrap\"><a href=\"https:\/\/www.dmsjuridica.com\/buscador_20179478954\/corteconstitucionalcronologico202454587\/t-243-03\/\" class=\"_self pt-cv-readmore btn btn-success\" target=\"_self\">Ver Sentencia Completa...<\/a><\/div><\/div><\/div><\/div>\n<div class=\"col-md-12 col-sm-12 col-xs-12 pt-cv-content-item pt-cv-1-col\" ><div class='pt-cv-ifield'><a href=\"https:\/\/www.dmsjuridica.com\/buscador_20179478954\/corteconstitucionalcronologico202454587\/t-242-03\/\" class=\"_self pt-cv-href-thumbnail pt-cv-thumb-default\" target=\"_self\" ><\/a>\n<div class=\"pt-cv-taxoterm above_title\"><a href='https:\/\/www.dmsjuridica.com\/buscador_20179478954\/corteconstitucionalcronologico202454587\/category\/buscar-en-toda-la-corte\/2003\/tutelas-2003\/' title='Tutelas 2003' class='pt-cv-tax-tutelas-2003'>Tutelas 2003<\/a><\/div>\n<h4 class=\"pt-cv-title\"><a href=\"https:\/\/www.dmsjuridica.com\/buscador_20179478954\/corteconstitucionalcronologico202454587\/t-242-03\/\" class=\"_self\" target=\"_self\" >T-242-03<\/a><\/h4>\n<div class=\"pt-cv-content\">\u00a0 \u00a0 Sentencia T-242\/03 \u00a0 AGENCIA OFICIOSA EN TUTELA-Falta de legitimaci\u00f3n por activa \u00a0 AGENCIA OFICIOSA EN TUTELA-Requisitos \u00a0 ACCION DE TUTELA-Improcedencia por indebida legitimaci\u00f3n por activa \u00a0 Referencia: expediente T-700143 \u00a0 Acci\u00f3n de tutela instaurada por Hernando Carrillo Cruz, agente oficioso de su padre contra Sanitas \u00a0EPS. \u00a0 Procedencia: Juzgado 28 Civil del Circuito de Bogot\u00e1.\u00a0 \u00a0 Magistrado Ponente:\u00a0 \u00a0 Dr. ALFREDO BELTR\u00c1N SIERRA \u00a0 Bogot\u00e1, D.C., veinte (20) de marzo de dos mil tres (2003). \u00a0 La Sala Segunda (2a.) de Revisi\u00f3n de la Corte Constitucional, integrada por los magistrados Alfredo Beltr\u00e1n Sierra, Manuel Jos\u00e9 Cepeda Espinosa y ...<br \/><div class=\"pt-cv-rmwrap\"><a href=\"https:\/\/www.dmsjuridica.com\/buscador_20179478954\/corteconstitucionalcronologico202454587\/t-242-03\/\" class=\"_self pt-cv-readmore btn btn-success\" target=\"_self\">Ver Sentencia Completa...<\/a><\/div><\/div><\/div><\/div>\n<div class=\"col-md-12 col-sm-12 col-xs-12 pt-cv-content-item pt-cv-1-col\" ><div class='pt-cv-ifield'><a href=\"https:\/\/www.dmsjuridica.com\/buscador_20179478954\/corteconstitucionalcronologico202454587\/t-241-03\/\" class=\"_self pt-cv-href-thumbnail pt-cv-thumb-default\" target=\"_self\" ><\/a>\n<div class=\"pt-cv-taxoterm above_title\"><a href='https:\/\/www.dmsjuridica.com\/buscador_20179478954\/corteconstitucionalcronologico202454587\/category\/buscar-en-toda-la-corte\/2003\/tutelas-2003\/' title='Tutelas 2003' class='pt-cv-tax-tutelas-2003'>Tutelas 2003<\/a><\/div>\n<h4 class=\"pt-cv-title\"><a href=\"https:\/\/www.dmsjuridica.com\/buscador_20179478954\/corteconstitucionalcronologico202454587\/t-241-03\/\" class=\"_self\" target=\"_self\" >T-241-03<\/a><\/h4>\n<div class=\"pt-cv-content\">\u00a0 \u00a0 Sentencia T-241\/03 \u00a0 DERECHO DE PETICION-Reglas jurisprudenciales\u00a0 \u00a0 La Corte Constitucional, en cada uno de los pronunciamientos hechos con relaci\u00f3n a la protecci\u00f3n del derecho de petici\u00f3n, ha sostenido que la administraci\u00f3n est\u00e1 en el deber de responder las solicitudes que presentan los ciudadanos, indistintamente de su contenido, considerando que este derecho fundamental debe atenderse en el plazo establecido por la ley, resolviendo de fondo y claramente lo pedido. \u00a0 DERECHO DE PETICION-T\u00e9rmino para resolverse cuando lo que se solicita es el cumplimiento de una sentencia \u00a0 El plazo para resolver una petici\u00f3n que solo hace relaci\u00f3n asuntos ...<br \/><div class=\"pt-cv-rmwrap\"><a href=\"https:\/\/www.dmsjuridica.com\/buscador_20179478954\/corteconstitucionalcronologico202454587\/t-241-03\/\" class=\"_self pt-cv-readmore btn btn-success\" target=\"_self\">Ver Sentencia Completa...<\/a><\/div><\/div><\/div><\/div>\n<div class=\"col-md-12 col-sm-12 col-xs-12 pt-cv-content-item pt-cv-1-col\" ><div class='pt-cv-ifield'><a href=\"https:\/\/www.dmsjuridica.com\/buscador_20179478954\/corteconstitucionalcronologico202454587\/t-240-03\/\" class=\"_self pt-cv-href-thumbnail pt-cv-thumb-default\" target=\"_self\" ><\/a>\n<div class=\"pt-cv-taxoterm above_title\"><a href='https:\/\/www.dmsjuridica.com\/buscador_20179478954\/corteconstitucionalcronologico202454587\/category\/buscar-en-toda-la-corte\/2003\/tutelas-2003\/' title='Tutelas 2003' class='pt-cv-tax-tutelas-2003'>Tutelas 2003<\/a><\/div>\n<h4 class=\"pt-cv-title\"><a href=\"https:\/\/www.dmsjuridica.com\/buscador_20179478954\/corteconstitucionalcronologico202454587\/t-240-03\/\" class=\"_self\" target=\"_self\" >T-240-03<\/a><\/h4>\n<div class=\"pt-cv-content\">\u00a0 \u00a0 \u00a0 \u00a0 Sentencia T-240\/03 \u00a0 DERECHO A LA SALUD DEL NI\u00d1O-Fundamental prevalente \u00a0 DERECHO A LA SALUD DEL NI\u00d1O-Suministro de aud\u00edfonos por EPS \u00a0 ACCION DE TUTELA-Improcedencia por no solicitar a la EPS la adaptaci\u00f3n de aud\u00edfonos \u00a0 Esta Sala de Revisi\u00f3n no puede pasar por alto el hecho de que el se\u00f1or antes de realizar la correspondiente solicitud de adaptaci\u00f3n de aud\u00edfonos, ante el Instituto de Seguros Sociales, Seccional, acudi\u00f3 a la acci\u00f3n de tutela. Ello significa, que la entidad accionada en estricto sentido no ha vulnerado los derechos del menor en cuya representaci\u00f3n se present\u00f3 la ...<br \/><div class=\"pt-cv-rmwrap\"><a href=\"https:\/\/www.dmsjuridica.com\/buscador_20179478954\/corteconstitucionalcronologico202454587\/t-240-03\/\" class=\"_self pt-cv-readmore btn btn-success\" target=\"_self\">Ver Sentencia Completa...<\/a><\/div><\/div><\/div><\/div>\n<div class=\"col-md-12 col-sm-12 col-xs-12 pt-cv-content-item pt-cv-1-col\" ><div class='pt-cv-ifield'><a href=\"https:\/\/www.dmsjuridica.com\/buscador_20179478954\/corteconstitucionalcronologico202454587\/t-239-03\/\" class=\"_self pt-cv-href-thumbnail pt-cv-thumb-default\" target=\"_self\" ><\/a>\n<div class=\"pt-cv-taxoterm above_title\"><a href='https:\/\/www.dmsjuridica.com\/buscador_20179478954\/corteconstitucionalcronologico202454587\/category\/buscar-en-toda-la-corte\/2003\/tutelas-2003\/' title='Tutelas 2003' class='pt-cv-tax-tutelas-2003'>Tutelas 2003<\/a><\/div>\n<h4 class=\"pt-cv-title\"><a href=\"https:\/\/www.dmsjuridica.com\/buscador_20179478954\/corteconstitucionalcronologico202454587\/t-239-03\/\" class=\"_self\" target=\"_self\" >T-239-03<\/a><\/h4>\n<div class=\"pt-cv-content\">\u00a0 \u00a0 Sentencia T-239\/03 \u00a0 AGENCIA OFICIOSA EN TUTELA-Alcance \u00a0 AGENCIA OFICIOSA TACITA-Procedencia en tutela \u00a0 AGENCIA OFICIOSA EN TUTELA-Falta de legitimaci\u00f3n por activa\/ACCION DE TUTELA-Improcedencia por indebida legitimaci\u00f3n por activa \u00a0 Referencia: expedientes Acumulados T-692.520 y T-692.612 \u00a0 Acciones de tutela instauradas por Ruth Mogoll\u00f3n Sanabria y Armando Estupi\u00f1an Micolta. \u00a0 Procedencia: Juzgados 1 Civil del Circuito de Barrancabermeja y 27 Penal Municipal de Cali. \u00a0 Magistrado Ponente: \u00a0 Dr. ALFREDO BELTR\u00c1N SIERRA \u00a0 Bogot\u00e1 D.C., veinte (20) de marzo de dos mil tres (2003). \u00a0 La Sala Segunda de Revisi\u00f3n de la Corte Constitucional, integrada por los Magistrados ...<br \/><div class=\"pt-cv-rmwrap\"><a href=\"https:\/\/www.dmsjuridica.com\/buscador_20179478954\/corteconstitucionalcronologico202454587\/t-239-03\/\" class=\"_self pt-cv-readmore btn btn-success\" target=\"_self\">Ver Sentencia Completa...<\/a><\/div><\/div><\/div><\/div>\n<div class=\"col-md-12 col-sm-12 col-xs-12 pt-cv-content-item pt-cv-1-col\" ><div class='pt-cv-ifield'><a href=\"https:\/\/www.dmsjuridica.com\/buscador_20179478954\/corteconstitucionalcronologico202454587\/t-238-03\/\" class=\"_self pt-cv-href-thumbnail pt-cv-thumb-default\" target=\"_self\" ><\/a>\n<div class=\"pt-cv-taxoterm above_title\"><a href='https:\/\/www.dmsjuridica.com\/buscador_20179478954\/corteconstitucionalcronologico202454587\/category\/buscar-en-toda-la-corte\/2003\/tutelas-2003\/' title='Tutelas 2003' class='pt-cv-tax-tutelas-2003'>Tutelas 2003<\/a><\/div>\n<h4 class=\"pt-cv-title\"><a href=\"https:\/\/www.dmsjuridica.com\/buscador_20179478954\/corteconstitucionalcronologico202454587\/t-238-03\/\" class=\"_self\" target=\"_self\" >T-238-03<\/a><\/h4>\n<div class=\"pt-cv-content\">\u00a0 \u00a0 Sentencia T-238\/03 \u00a0 ENTIDAD PROMOTORA DE SALUD-Libertad para suscribir convenios con instituciones de salud\/DERECHO A LA SALUD-Afiliados deben acogerse a las instituciones donde los remiten \u00a0 Las EPS, de conformidad con las normas vigentes, tienen la libertad de decidir con cu\u00e1les instituciones prestadoras de salud suscriben convenios y para qu\u00e9 clase de servicios. Para tal efecto, el \u00fanico l\u00edmite constitucional y legal que tienen, radica en que se les garantice a los afiliados la prestaci\u00f3n integral del servicio. De all\u00ed que, salvo casos excepcionales o en atenci\u00f3n de urgencias, los afiliados deben acogerse a las instituciones a donde ...<br \/><div class=\"pt-cv-rmwrap\"><a href=\"https:\/\/www.dmsjuridica.com\/buscador_20179478954\/corteconstitucionalcronologico202454587\/t-238-03\/\" class=\"_self pt-cv-readmore btn btn-success\" target=\"_self\">Ver Sentencia Completa...<\/a><\/div><\/div><\/div><\/div>\n<div class=\"col-md-12 col-sm-12 col-xs-12 pt-cv-content-item pt-cv-1-col\" ><div class='pt-cv-ifield'><a href=\"https:\/\/www.dmsjuridica.com\/buscador_20179478954\/corteconstitucionalcronologico202454587\/t-237-03\/\" class=\"_self pt-cv-href-thumbnail pt-cv-thumb-default\" target=\"_self\" ><\/a>\n<div class=\"pt-cv-taxoterm above_title\"><a href='https:\/\/www.dmsjuridica.com\/buscador_20179478954\/corteconstitucionalcronologico202454587\/category\/buscar-en-toda-la-corte\/2003\/tutelas-2003\/' title='Tutelas 2003' class='pt-cv-tax-tutelas-2003'>Tutelas 2003<\/a><\/div>\n<h4 class=\"pt-cv-title\"><a href=\"https:\/\/www.dmsjuridica.com\/buscador_20179478954\/corteconstitucionalcronologico202454587\/t-237-03\/\" class=\"_self\" target=\"_self\" >T-237-03<\/a><\/h4>\n<div class=\"pt-cv-content\">\u00a0 \u00a0 Sentencia T-237\/03 \u00a0 Los precedentes citados permiten concluir que el requisito de vinculaci\u00f3n del m\u00e9dico con la E.P.S. para la inaplicaci\u00f3n de las normas del plan obligatorio es un componente estricto de la regla expuesta en el apartado anterior, entendi\u00e9ndose adem\u00e1s que dicho nexo no puede ser otro que uno de \u00a0naturaleza contractual. El principio de la confianza leg\u00edtima obliga a las autoridades p\u00fablicas a fundamentar, con criterios razonables y ajustados a la Constituci\u00f3n, la modificaci\u00f3n de situaciones que sirvieron de fundamento para la convicci\u00f3n de los administrados sobre la aparente legalidad de una actuaci\u00f3n, \u00a0advirti\u00e9ndose dentro de ...<br \/><div class=\"pt-cv-rmwrap\"><a href=\"https:\/\/www.dmsjuridica.com\/buscador_20179478954\/corteconstitucionalcronologico202454587\/t-237-03\/\" class=\"_self pt-cv-readmore btn btn-success\" target=\"_self\">Ver Sentencia Completa...<\/a><\/div><\/div><\/div><\/div>\n<div class=\"col-md-12 col-sm-12 col-xs-12 pt-cv-content-item pt-cv-1-col\" ><div class='pt-cv-ifield'><a href=\"https:\/\/www.dmsjuridica.com\/buscador_20179478954\/corteconstitucionalcronologico202454587\/t-236-03\/\" class=\"_self pt-cv-href-thumbnail pt-cv-thumb-default\" target=\"_self\" ><\/a>\n<div class=\"pt-cv-taxoterm above_title\"><a href='https:\/\/www.dmsjuridica.com\/buscador_20179478954\/corteconstitucionalcronologico202454587\/category\/buscar-en-toda-la-corte\/2003\/tutelas-2003\/' title='Tutelas 2003' class='pt-cv-tax-tutelas-2003'>Tutelas 2003<\/a><\/div>\n<h4 class=\"pt-cv-title\"><a href=\"https:\/\/www.dmsjuridica.com\/buscador_20179478954\/corteconstitucionalcronologico202454587\/t-236-03\/\" class=\"_self\" target=\"_self\" >T-236-03<\/a><\/h4>\n<div class=\"pt-cv-content\">\u00a0 \u00a0 Sentencia T-236\/03 \u00a0 CONTRATO DE MEDICINA PREPAGADA-Solo puede celebrarse o renovarse con personas afiliadas como cotizantes o beneficiarias del r\u00e9gimen contributivo \u00a0 Existe claridad normativa en cuanto a la exigencia que los contratos de medicina pagada s\u00f3lo se celebren o renueven con personas afiliadas como cotizantes o beneficiarios del r\u00e9gimen contributivo del sistema de seguridad social en salud; en cuanto a la obligaci\u00f3n de verificar la afiliaci\u00f3n del contratante y de los beneficiarios a una entidad promotora de salud en que se hallan las entidades autorizadas a vender planes adiciones de salud y, por \u00faltimo, en cuanto a ...<br \/><div class=\"pt-cv-rmwrap\"><a href=\"https:\/\/www.dmsjuridica.com\/buscador_20179478954\/corteconstitucionalcronologico202454587\/t-236-03\/\" class=\"_self pt-cv-readmore btn btn-success\" target=\"_self\">Ver Sentencia Completa...<\/a><\/div><\/div><\/div><\/div>\n<div class=\"col-md-12 col-sm-12 col-xs-12 pt-cv-content-item pt-cv-1-col\" ><div class='pt-cv-ifield'><a href=\"https:\/\/www.dmsjuridica.com\/buscador_20179478954\/corteconstitucionalcronologico202454587\/t-227-03\/\" class=\"_self pt-cv-href-thumbnail pt-cv-thumb-default\" target=\"_self\" ><\/a>\n<div class=\"pt-cv-taxoterm above_title\"><a href='https:\/\/www.dmsjuridica.com\/buscador_20179478954\/corteconstitucionalcronologico202454587\/category\/buscar-en-toda-la-corte\/2003\/tutelas-2003\/' title='Tutelas 2003' class='pt-cv-tax-tutelas-2003'>Tutelas 2003<\/a><\/div>\n<h4 class=\"pt-cv-title\"><a href=\"https:\/\/www.dmsjuridica.com\/buscador_20179478954\/corteconstitucionalcronologico202454587\/t-227-03\/\" class=\"_self\" target=\"_self\" >T-227-03<\/a><\/h4>\n<div class=\"pt-cv-content\">\u00a0 \u00a0 Sentencia T-227\/03 \u00a0 La Corte Constitucional ha fijado reglas claras relativas a su funci\u00f3n dentro del sistema de protecci\u00f3n de los derechos fundamentales por v\u00eda de tutela. En sentencia SU-1219 de 2001, se\u00f1al\u00f3 que la selecci\u00f3n de las sentencias de tutela para su revisi\u00f3n ten\u00eda por objeto (i) analizar la interpretaci\u00f3n de los derechos fundamentales que realizaron las autoridades judiciales en la o las instancias dentro del proceso. Se trata de la selecci\u00f3n de casos \u201cque plantean un problema valioso para el desarrollo jurisprudencial de la Constituci\u00f3n\u201d. (ii) controlar los casos en los cuales los jueces adopten decisiones ...<br \/><div class=\"pt-cv-rmwrap\"><a href=\"https:\/\/www.dmsjuridica.com\/buscador_20179478954\/corteconstitucionalcronologico202454587\/t-227-03\/\" class=\"_self pt-cv-readmore btn btn-success\" target=\"_self\">Ver Sentencia Completa...<\/a><\/div><\/div><\/div><\/div>\n<div class=\"col-md-12 col-sm-12 col-xs-12 pt-cv-content-item pt-cv-1-col\" ><div class='pt-cv-ifield'><a href=\"https:\/\/www.dmsjuridica.com\/buscador_20179478954\/corteconstitucionalcronologico202454587\/t-226-03\/\" class=\"_self pt-cv-href-thumbnail pt-cv-thumb-default\" target=\"_self\" ><\/a>\n<div class=\"pt-cv-taxoterm above_title\"><a href='https:\/\/www.dmsjuridica.com\/buscador_20179478954\/corteconstitucionalcronologico202454587\/category\/buscar-en-toda-la-corte\/2003\/tutelas-2003\/' title='Tutelas 2003' class='pt-cv-tax-tutelas-2003'>Tutelas 2003<\/a><\/div>\n<h4 class=\"pt-cv-title\"><a href=\"https:\/\/www.dmsjuridica.com\/buscador_20179478954\/corteconstitucionalcronologico202454587\/t-226-03\/\" class=\"_self\" target=\"_self\" >T-226-03<\/a><\/h4>\n<div class=\"pt-cv-content\">\u00a0 \u00a0 Sentencia T-226\/03 \u00a0 ACCION DE TUTELA-Improcedencia por no vulneraci\u00f3n de derechos fundamentales \u00a0 ACCION DE TUTELA-Improcedencia para suplantar incidente de desacato \u00a0 DERECHO A LA SALUD-Solicitud traslado de ARS \u00a0 Referencia: expediente T-674411 \u00a0 Acci\u00f3n de tutela incoada por Jorge Albeiro Hern\u00e1ndez contra la Secretar\u00eda de Salud de Medell\u00edn y otros \u00a0 Magistrado Ponente: \u00a0 Dr. JAIME C\u00d3RDOBA TRIVI\u00d1O \u00a0 Bogot\u00e1, D.C., trece (13) de marzo de dos mil tres (2003). \u00a0 La Sala Cuarta de Revisi\u00f3n de la Corte Constitucional, en ejercicio de sus competencias constitucionales y legales, espec\u00edficamente las previstas en los art\u00edculos 86 y 241, ...<br \/><div class=\"pt-cv-rmwrap\"><a href=\"https:\/\/www.dmsjuridica.com\/buscador_20179478954\/corteconstitucionalcronologico202454587\/t-226-03\/\" class=\"_self pt-cv-readmore btn btn-success\" target=\"_self\">Ver Sentencia Completa...<\/a><\/div><\/div><\/div><\/div>\n<div class=\"col-md-12 col-sm-12 col-xs-12 pt-cv-content-item pt-cv-1-col\" ><div class='pt-cv-ifield'><a href=\"https:\/\/www.dmsjuridica.com\/buscador_20179478954\/corteconstitucionalcronologico202454587\/t-225-03\/\" class=\"_self pt-cv-href-thumbnail pt-cv-thumb-default\" target=\"_self\" ><\/a>\n<div class=\"pt-cv-taxoterm above_title\"><a href='https:\/\/www.dmsjuridica.com\/buscador_20179478954\/corteconstitucionalcronologico202454587\/category\/buscar-en-toda-la-corte\/2003\/tutelas-2003\/' title='Tutelas 2003' class='pt-cv-tax-tutelas-2003'>Tutelas 2003<\/a><\/div>\n<h4 class=\"pt-cv-title\"><a href=\"https:\/\/www.dmsjuridica.com\/buscador_20179478954\/corteconstitucionalcronologico202454587\/t-225-03\/\" class=\"_self\" target=\"_self\" >T-225-03<\/a><\/h4>\n<div class=\"pt-cv-content\">\u00a0 \u00a0 Sentencia T-225\/03 \u00a0 DERECHO A LA SALUD DEL NI\u00d1O-Suministro de aud\u00edfonos previa evaluaci\u00f3n m\u00e9dica y si son autorizados deben ser suministrados por la EPS \u00a0 Considera esta Sala, que si bien es cierto que la primera presentaci\u00f3n de la intervenci\u00f3n del ente accionado deja ver que no ha podido otorgar los aud\u00edfonos por falta de autorizaci\u00f3n del m\u00e9dico tratante, tambi\u00e9n es lo cierto, que a\u00fan existiendo la mentada autorizaci\u00f3n, Cafesalud proceder\u00eda a negar los aud\u00edfonos, poniendo es riesgo la vida y la salud de un menor, cuyos derechos son prevalentes. Por consiguiente, en opini\u00f3n de la Corte, si ...<br \/><div class=\"pt-cv-rmwrap\"><a href=\"https:\/\/www.dmsjuridica.com\/buscador_20179478954\/corteconstitucionalcronologico202454587\/t-225-03\/\" class=\"_self pt-cv-readmore btn btn-success\" target=\"_self\">Ver Sentencia Completa...<\/a><\/div><\/div><\/div><\/div>\n<div class=\"col-md-12 col-sm-12 col-xs-12 pt-cv-content-item pt-cv-1-col\" ><div class='pt-cv-ifield'><a href=\"https:\/\/www.dmsjuridica.com\/buscador_20179478954\/corteconstitucionalcronologico202454587\/t-224-03\/\" class=\"_self pt-cv-href-thumbnail pt-cv-thumb-default\" target=\"_self\" ><\/a>\n<div class=\"pt-cv-taxoterm above_title\"><a href='https:\/\/www.dmsjuridica.com\/buscador_20179478954\/corteconstitucionalcronologico202454587\/category\/buscar-en-toda-la-corte\/2003\/tutelas-2003\/' title='Tutelas 2003' class='pt-cv-tax-tutelas-2003'>Tutelas 2003<\/a><\/div>\n<h4 class=\"pt-cv-title\"><a href=\"https:\/\/www.dmsjuridica.com\/buscador_20179478954\/corteconstitucionalcronologico202454587\/t-224-03\/\" class=\"_self\" target=\"_self\" >T-224-03<\/a><\/h4>\n<div class=\"pt-cv-content\">\u00a0 \u00a0 Sentencia T-224\/03 \u00a0 ACCION DE TUTELA-Improcedencia sobre controversias econ\u00f3micas \u00a0 Puede concluirse que la acci\u00f3n de tutela ha sido consagrada constitucionalmente y desanol1ada legalmente, como un mecanismo encaminado a la protecci\u00f3n de derechos fundamentales vulnerados y no para solucionar aspectos de otra \u00edndole como los de orden econ\u00f3micos, salvo casos excepcionales, en los que el cumplimiento de una obligaci\u00f3n de este tipo, dependa la salvaguardia directa de un derecho fundan1ental. Por fuera de estos supuestos excepcionales, el pago de cualquier obligaci\u00f3n econ\u00f3mica debe pretenderse ante la autoridades constituidas para ello, pues el juez constitucional no puede invadir espacios ...<br \/><div class=\"pt-cv-rmwrap\"><a href=\"https:\/\/www.dmsjuridica.com\/buscador_20179478954\/corteconstitucionalcronologico202454587\/t-224-03\/\" class=\"_self pt-cv-readmore btn btn-success\" target=\"_self\">Ver Sentencia Completa...<\/a><\/div><\/div><\/div><\/div>\n<div class=\"col-md-12 col-sm-12 col-xs-12 pt-cv-content-item pt-cv-1-col\" ><div class='pt-cv-ifield'><a href=\"https:\/\/www.dmsjuridica.com\/buscador_20179478954\/corteconstitucionalcronologico202454587\/t-223-03\/\" class=\"_self pt-cv-href-thumbnail pt-cv-thumb-default\" target=\"_self\" ><\/a>\n<div class=\"pt-cv-taxoterm above_title\"><a href='https:\/\/www.dmsjuridica.com\/buscador_20179478954\/corteconstitucionalcronologico202454587\/category\/buscar-en-toda-la-corte\/2003\/tutelas-2003\/' title='Tutelas 2003' class='pt-cv-tax-tutelas-2003'>Tutelas 2003<\/a><\/div>\n<h4 class=\"pt-cv-title\"><a href=\"https:\/\/www.dmsjuridica.com\/buscador_20179478954\/corteconstitucionalcronologico202454587\/t-223-03\/\" class=\"_self\" target=\"_self\" >T-223-03<\/a><\/h4>\n<div class=\"pt-cv-content\">\u00a0 \u00a0 Sentencia T-223\/03 \u00a0 DERECHO A LA SALUD-Suministro de medicamento no incluido en el POS\/DERECHO A LA SALUD-Suministro de medicamento no ordenado por el m\u00e9dico tratante pero convalidado por m\u00e9dico de la EPS \u00a0 Si en este caso ya se hab\u00eda ordenado y suministrado a la accionante el medicamento rese\u00f1ado, se compromete su salud y su vida si se deja a la deriva un tratamiento que seg\u00fan criterio m\u00e9dico, es el que mejora sus condiciones de salud y su calidad de vida. As\u00ed, pues, se le recuerda al ISS que tanto las entidades estatales, como todas aquellas particulares que ...<br \/><div class=\"pt-cv-rmwrap\"><a href=\"https:\/\/www.dmsjuridica.com\/buscador_20179478954\/corteconstitucionalcronologico202454587\/t-223-03\/\" class=\"_self pt-cv-readmore btn btn-success\" target=\"_self\">Ver Sentencia Completa...<\/a><\/div><\/div><\/div><\/div>\n<div class=\"col-md-12 col-sm-12 col-xs-12 pt-cv-content-item pt-cv-1-col\" ><div class='pt-cv-ifield'><a href=\"https:\/\/www.dmsjuridica.com\/buscador_20179478954\/corteconstitucionalcronologico202454587\/t-222-03\/\" class=\"_self pt-cv-href-thumbnail pt-cv-thumb-default\" target=\"_self\" ><\/a>\n<div class=\"pt-cv-taxoterm above_title\"><a href='https:\/\/www.dmsjuridica.com\/buscador_20179478954\/corteconstitucionalcronologico202454587\/category\/buscar-en-toda-la-corte\/2003\/tutelas-2003\/' title='Tutelas 2003' class='pt-cv-tax-tutelas-2003'>Tutelas 2003<\/a><\/div>\n<h4 class=\"pt-cv-title\"><a href=\"https:\/\/www.dmsjuridica.com\/buscador_20179478954\/corteconstitucionalcronologico202454587\/t-222-03\/\" class=\"_self\" target=\"_self\" >T-222-03<\/a><\/h4>\n<div class=\"pt-cv-content\">ACCION DE TUTELA-Procedencia excepcional pago de salarios\u00a0 \u00a0 DERECHO AL MINIMO VITAL DEL TRABAJADOR-Pago oportuno de salarios \u00a0 EMPLEADOR-Situaci\u00f3n econ\u00f3mica o presupuestal no es \u00f3bice para desconocer pago de salarios \u00a0 Referencia: expediente T-689012 \u00a0 Solicitantes: Jos\u00e9 de Dios Solano Urquijo \u00a0 Procedencia: Tribunal Superior del Distrito Judicial de C\u00facuta, Sala Civil-Familia \u00a0 Magistrado Ponente:\u00a0 \u00a0 Dr. MARCO GERARDO MONROY CABRA \u00a0 Bogot\u00e1 D.C., trece (13) de marzo de dos mil tres (2003). \u00a0 La Sala Sexta de la Corte Constitucional, integrada por los Magistrados doctores, Eduardo Montealegre Lynett, Alvaro Tafur Galvis y Marco Gerardo Monroy Cabra, quien la preside, ...<br \/><div class=\"pt-cv-rmwrap\"><a href=\"https:\/\/www.dmsjuridica.com\/buscador_20179478954\/corteconstitucionalcronologico202454587\/t-222-03\/\" class=\"_self pt-cv-readmore btn btn-success\" target=\"_self\">Ver Sentencia Completa...<\/a><\/div><\/div><\/div><\/div>\n<div class=\"col-md-12 col-sm-12 col-xs-12 pt-cv-content-item pt-cv-1-col\" ><div class='pt-cv-ifield'><a href=\"https:\/\/www.dmsjuridica.com\/buscador_20179478954\/corteconstitucionalcronologico202454587\/t-221-03\/\" class=\"_self pt-cv-href-thumbnail pt-cv-thumb-default\" target=\"_self\" ><\/a>\n<div class=\"pt-cv-taxoterm above_title\"><a href='https:\/\/www.dmsjuridica.com\/buscador_20179478954\/corteconstitucionalcronologico202454587\/category\/buscar-en-toda-la-corte\/2003\/tutelas-2003\/' title='Tutelas 2003' class='pt-cv-tax-tutelas-2003'>Tutelas 2003<\/a><\/div>\n<h4 class=\"pt-cv-title\"><a href=\"https:\/\/www.dmsjuridica.com\/buscador_20179478954\/corteconstitucionalcronologico202454587\/t-221-03\/\" class=\"_self\" target=\"_self\" >T-221-03<\/a><\/h4>\n<div class=\"pt-cv-content\">\u00a0 \u00a0 \u00a0\u00a0 \u00a0 \u00a0 \u00a0 \u00a0 \u00a0 \u00a0 \u00a0 \u00a0 \u00a0 \u00a0 \u00a0 \u00a0 \u00a0 \u00a0 \u00a0 \u00a0 \u00a0 \u00a0 \u00a0 \u00a0 \u00a0 \u00a0 \u00a0 \u00a0 \u00a0 \u00a0 \u00a0 \u00a0 \u00a0 \u00a0 \u00a0 \u00a0 \u00a0 \u00a0 \u00a0 \u00a0 \u00a0 \u00a0 \u00a0 \u00a0 \u00a0 \u00a0 \u00a0 \u00a0 \u00a0 \u00a0 \u00a0 \u00a0 \u00a0 \u00a0 \u00a0 \u00a0 \u00a0 \u00a0 \u00a0 \u00a0 \u00a0 \u00a0 \u00a0 \u00a0 \u00a0 \u00a0 \u00a0 \u00a0 \u00a0 \u00a0 \u00a0 \u00a0 \u00a0 \u00a0 \u00a0 \u00a0 \u00a0 \u00a0 \u00a0 \u00a0 \u00a0 \u00a0 \u00a0 \u00a0 \u00a0 \u00a0 \u00a0 \u00a0 \u00a0 \u00a0 \u00a0 \u00a0 \u00a0 \u00a0 \u00a0 \u00a0 \u00a0 \u00a0 \u00a0 \u00a0 \u00a0 ...<br \/><div class=\"pt-cv-rmwrap\"><a href=\"https:\/\/www.dmsjuridica.com\/buscador_20179478954\/corteconstitucionalcronologico202454587\/t-221-03\/\" class=\"_self pt-cv-readmore btn btn-success\" target=\"_self\">Ver Sentencia Completa...<\/a><\/div><\/div><\/div><\/div>\n<div class=\"col-md-12 col-sm-12 col-xs-12 pt-cv-content-item pt-cv-1-col\" ><div class='pt-cv-ifield'><a href=\"https:\/\/www.dmsjuridica.com\/buscador_20179478954\/corteconstitucionalcronologico202454587\/t-220-03\/\" class=\"_self pt-cv-href-thumbnail pt-cv-thumb-default\" target=\"_self\" ><\/a>\n<div class=\"pt-cv-taxoterm above_title\"><a href='https:\/\/www.dmsjuridica.com\/buscador_20179478954\/corteconstitucionalcronologico202454587\/category\/buscar-en-toda-la-corte\/2003\/tutelas-2003\/' title='Tutelas 2003' class='pt-cv-tax-tutelas-2003'>Tutelas 2003<\/a><\/div>\n<h4 class=\"pt-cv-title\"><a href=\"https:\/\/www.dmsjuridica.com\/buscador_20179478954\/corteconstitucionalcronologico202454587\/t-220-03\/\" class=\"_self\" target=\"_self\" >T-220-03<\/a><\/h4>\n<div class=\"pt-cv-content\">\u00a0 \u00a0 \u00a0 \u00a0 \u00a0 \u00a0 \u00a0 \u00a0 \u00a0 \u00a0 \u00a0 \u00a0 \u00a0 \u00a0 \u00a0 \u00a0 \u00a0 \u00a0 \u00a0 \u00a0 \u00a0 \u00a0 \u00a0 \u00a0 \u00a0 \u00a0 \u00a0 \u00a0 \u00a0 \u00a0 \u00a0 \u00a0 \u00a0 \u00a0 \u00a0 \u00a0 \u00a0 \u00a0 \u00a0 \u00a0 \u00a0 \u00a0 \u00a0 \u00a0 \u00a0 \u00a0 \u00a0 \u00a0 \u00a0 \u00a0 \u00a0 \u00a0 \u00a0 \u00a0 \u00a0 \u00a0 \u00a0 \u00a0 \u00a0 \u00a0 \u00a0 \u00a0 \u00a0 \u00a0 \u00a0 \u00a0 \u00a0 \u00a0 \u00a0 \u00a0 \u00a0 \u00a0 \u00a0 \u00a0 \u00a0 \u00a0 \u00a0 \u00a0 \u00a0 \u00a0 \u00a0 \u00a0 \u00a0 \u00a0 \u00a0 \u00a0 \u00a0 \u00a0 \u00a0 \u00a0 \u00a0 \u00a0 \u00a0 \u00a0 \u00a0 \u00a0 \u00a0 \u00a0 \u00a0 \u00a0 ...<br \/><div class=\"pt-cv-rmwrap\"><a href=\"https:\/\/www.dmsjuridica.com\/buscador_20179478954\/corteconstitucionalcronologico202454587\/t-220-03\/\" class=\"_self pt-cv-readmore btn btn-success\" target=\"_self\">Ver Sentencia Completa...<\/a><\/div><\/div><\/div><\/div>\n<div class=\"col-md-12 col-sm-12 col-xs-12 pt-cv-content-item pt-cv-1-col\" ><div class='pt-cv-ifield'><a href=\"https:\/\/www.dmsjuridica.com\/buscador_20179478954\/corteconstitucionalcronologico202454587\/t-218-03\/\" class=\"_self pt-cv-href-thumbnail pt-cv-thumb-default\" target=\"_self\" ><\/a>\n<div class=\"pt-cv-taxoterm above_title\"><a href='https:\/\/www.dmsjuridica.com\/buscador_20179478954\/corteconstitucionalcronologico202454587\/category\/buscar-en-toda-la-corte\/2003\/tutelas-2003\/' title='Tutelas 2003' class='pt-cv-tax-tutelas-2003'>Tutelas 2003<\/a><\/div>\n<h4 class=\"pt-cv-title\"><a href=\"https:\/\/www.dmsjuridica.com\/buscador_20179478954\/corteconstitucionalcronologico202454587\/t-218-03\/\" class=\"_self\" target=\"_self\" >T-218-03<\/a><\/h4>\n<div class=\"pt-cv-content\">\u00a0 \u00a0 Sentencia T-218\/03 \u00a0 ACCION DE TUTELA-Hecho superado por reconocimiento de pensi\u00f3n de sobreviviente \u00a0 Referencia: expediente T-665150 \u00a0 Acci\u00f3n de tutela instaurada por Marlyn Vieira Mercado contra el Municipio de Toluviejo -Sucre-. \u00a0 Magistrado Ponente: \u00a0 Dr. EDUARDO MONTEALEGRE LYNETT \u00a0 Bogot\u00e1, D.C., trece (13) de marzo del dos mil tres (2003).\u00a0 \u00a0 La Sala S\u00e9ptima de Revisi\u00f3n de la Corte Constitucional, integrada por los Magistrados Eduardo Montealegre Lynett, Alvaro Tafur Galvis y Clara In\u00e9s Vargas Hern\u00e1ndez, en ejercicio de sus competencias constitucionales y legales, profiere la siguiente \u00a0 SENTENCIA \u00a0 dentro del tr\u00e1mite de la petici\u00f3n de ...<br \/><div class=\"pt-cv-rmwrap\"><a href=\"https:\/\/www.dmsjuridica.com\/buscador_20179478954\/corteconstitucionalcronologico202454587\/t-218-03\/\" class=\"_self pt-cv-readmore btn btn-success\" target=\"_self\">Ver Sentencia Completa...<\/a><\/div><\/div><\/div><\/div>\n<div class=\"col-md-12 col-sm-12 col-xs-12 pt-cv-content-item pt-cv-1-col\" ><div class='pt-cv-ifield'><a href=\"https:\/\/www.dmsjuridica.com\/buscador_20179478954\/corteconstitucionalcronologico202454587\/t-217-03\/\" class=\"_self pt-cv-href-thumbnail pt-cv-thumb-default\" target=\"_self\" ><\/a>\n<div class=\"pt-cv-taxoterm above_title\"><a href='https:\/\/www.dmsjuridica.com\/buscador_20179478954\/corteconstitucionalcronologico202454587\/category\/buscar-en-toda-la-corte\/2003\/tutelas-2003\/' title='Tutelas 2003' class='pt-cv-tax-tutelas-2003'>Tutelas 2003<\/a><\/div>\n<h4 class=\"pt-cv-title\"><a href=\"https:\/\/www.dmsjuridica.com\/buscador_20179478954\/corteconstitucionalcronologico202454587\/t-217-03\/\" class=\"_self\" target=\"_self\" >T-217-03<\/a><\/h4>\n<div class=\"pt-cv-content\">\u00a0 \u00a0 Sentencia T-217\/03 \u00a0 ADMINISTRADORA DEL REGIMEN SUBSIDIADO-Informaci\u00f3n al afiliado sobre prestaci\u00f3n de servicios no cubiertos por el POS\/ADMINISTRADORA DEL REGIMEN SUBSIDIADO-Deber de informar a cu\u00e1l entidad acudir cuando se presente exclusi\u00f3n del Sisb\u00e9n \u00a0 DERECHO A LA SALUD DEL NI\u00d1O-Atenci\u00f3n adecuada, pronta y eficiente \u00a0 DERECHO A LA SALUD DEL NI\u00d1O-Servicio p\u00fablico esencial, obligatorio y permanente \u00a0 DIRECCION SECCIONAL DE SALUD-Orden para realizar examen renal a menor \u00a0 Referencia: expediente T- 684.248 \u00a0 Acci\u00f3n de tutela instaurada por Ana Milena Alian Ceballos contra la Direcci\u00f3n Seccional de Salud de Antioqu\u00eda. \u00a0 Procedencia: Juzgado 2 Penal del Circuito de ...<br \/><div class=\"pt-cv-rmwrap\"><a href=\"https:\/\/www.dmsjuridica.com\/buscador_20179478954\/corteconstitucionalcronologico202454587\/t-217-03\/\" class=\"_self pt-cv-readmore btn btn-success\" target=\"_self\">Ver Sentencia Completa...<\/a><\/div><\/div><\/div><\/div>\n<div class=\"col-md-12 col-sm-12 col-xs-12 pt-cv-content-item pt-cv-1-col\" ><div class='pt-cv-ifield'><a href=\"https:\/\/www.dmsjuridica.com\/buscador_20179478954\/corteconstitucionalcronologico202454587\/t-216-03\/\" class=\"_self pt-cv-href-thumbnail pt-cv-thumb-default\" target=\"_self\" ><\/a>\n<div class=\"pt-cv-taxoterm above_title\"><a href='https:\/\/www.dmsjuridica.com\/buscador_20179478954\/corteconstitucionalcronologico202454587\/category\/buscar-en-toda-la-corte\/2003\/tutelas-2003\/' title='Tutelas 2003' class='pt-cv-tax-tutelas-2003'>Tutelas 2003<\/a><\/div>\n<h4 class=\"pt-cv-title\"><a href=\"https:\/\/www.dmsjuridica.com\/buscador_20179478954\/corteconstitucionalcronologico202454587\/t-216-03\/\" class=\"_self\" target=\"_self\" >T-216-03<\/a><\/h4>\n<div class=\"pt-cv-content\">\u00a0 \u00a0 Sentencia T-216\/03 \u00a0 ACCION DE TUTELA-Procedencia excepcional pago de acreencias laborales \u00a0 ACCION DE TUTELA-Hecho superado por pago de acreencias laborales \u00a0 Reiteraci\u00f3n de Jurisprudencia \u00a0 Referencia: expedientes acumulados T-672058, T-672059, T-672060, T-672061, T-672062, T-672063 y T-672098. \u00a0 Acciones de tutela instauradas por Martha Elena Pe\u00f1ates D\u00edaz, Catherine del Rosario Luna Chima, Janeth Vergara Arroyo, Stella Isabel Molina Mercado, Jorge Antonio Villadiego Mart\u00ednez, Carlos Mart\u00ednez Mart\u00ednez y Paola \u00a0Cristina \u00a0Mart\u00ednez Mart\u00ednez contra el Municipio de Sampu\u00e9s \u2013Sucre -\u00a0 \u00a0 Magistrado Ponente: \u00a0 Dr. ALVARO TAFUR GALVIS \u00a0 Bogot\u00e1 D.C., trece (13) de marzo de dos mil tres (2003) ...<br \/><div class=\"pt-cv-rmwrap\"><a href=\"https:\/\/www.dmsjuridica.com\/buscador_20179478954\/corteconstitucionalcronologico202454587\/t-216-03\/\" class=\"_self pt-cv-readmore btn btn-success\" target=\"_self\">Ver Sentencia Completa...<\/a><\/div><\/div><\/div><\/div>\n<div class=\"col-md-12 col-sm-12 col-xs-12 pt-cv-content-item pt-cv-1-col\" ><div class='pt-cv-ifield'><a href=\"https:\/\/www.dmsjuridica.com\/buscador_20179478954\/corteconstitucionalcronologico202454587\/t-215-03\/\" class=\"_self pt-cv-href-thumbnail pt-cv-thumb-default\" target=\"_self\" ><\/a>\n<div class=\"pt-cv-taxoterm above_title\"><a href='https:\/\/www.dmsjuridica.com\/buscador_20179478954\/corteconstitucionalcronologico202454587\/category\/buscar-en-toda-la-corte\/2003\/tutelas-2003\/' title='Tutelas 2003' class='pt-cv-tax-tutelas-2003'>Tutelas 2003<\/a><\/div>\n<h4 class=\"pt-cv-title\"><a href=\"https:\/\/www.dmsjuridica.com\/buscador_20179478954\/corteconstitucionalcronologico202454587\/t-215-03\/\" class=\"_self\" target=\"_self\" >T-215-03<\/a><\/h4>\n<div class=\"pt-cv-content\">\u00a0 \u00a0 Sentencia T-215\/03 \u00a0 ACCION DE TUTELA CONTRA ENTIDAD FINANCIERA-Procedencia por prestaci\u00f3n de servicio p\u00fablico \u00a0 La Corte Constitucional ha dejado en claro, que si una entidad asume la prestaci\u00f3n de la actividad bancaria adquiere una posici\u00f3n de supremac\u00eda frente al usuario y en la medida que con sus acciones u omisiones pueden vulnerar un derecho constitucional fundamental se requiere de la inmediata protecci\u00f3n judicial, independientemente de su naturaleza p\u00fablica, privada o mixta, ya que su actuaci\u00f3n se realiza en ejercicio de una autorizaci\u00f3n del Estado y para cumplir unos fines de inter\u00e9s p\u00fablico. As\u00ed las cosas resulta claro, ...<br \/><div class=\"pt-cv-rmwrap\"><a href=\"https:\/\/www.dmsjuridica.com\/buscador_20179478954\/corteconstitucionalcronologico202454587\/t-215-03\/\" class=\"_self pt-cv-readmore btn btn-success\" target=\"_self\">Ver Sentencia Completa...<\/a><\/div><\/div><\/div><\/div>\n<div class=\"col-md-12 col-sm-12 col-xs-12 pt-cv-content-item pt-cv-1-col\" ><div class='pt-cv-ifield'><a href=\"https:\/\/www.dmsjuridica.com\/buscador_20179478954\/corteconstitucionalcronologico202454587\/t-214-03\/\" class=\"_self pt-cv-href-thumbnail pt-cv-thumb-default\" target=\"_self\" ><\/a>\n<div class=\"pt-cv-taxoterm above_title\"><a href='https:\/\/www.dmsjuridica.com\/buscador_20179478954\/corteconstitucionalcronologico202454587\/category\/buscar-en-toda-la-corte\/2003\/tutelas-2003\/' title='Tutelas 2003' class='pt-cv-tax-tutelas-2003'>Tutelas 2003<\/a><\/div>\n<h4 class=\"pt-cv-title\"><a href=\"https:\/\/www.dmsjuridica.com\/buscador_20179478954\/corteconstitucionalcronologico202454587\/t-214-03\/\" class=\"_self\" target=\"_self\" >T-214-03<\/a><\/h4>\n<div class=\"pt-cv-content\">\u00a0 \u00a0 Sentencia T-214\/03 \u00a0 VIA DE HECHO EN PROCESO EJECUTIVO-Juez debe interrumpir el proceso ante muerte del deudor\/PROCESO EJECUTIVO-No proced\u00eda declarar la nulidad \u00a0 El juez tiene el deber de interrumpir el proceso, cuando es advertido sobre el fallecimiento del deudor en los procesos ejecutivos, dada la necesidad de notificar la existencia de la obligaci\u00f3n a los herederos, para que \u00e9stos preparen su intervenci\u00f3n en el juicio antes de ser involucrados al mismo, y cuando esto no acontece tiene que proceder a invalidar lo actuado, para salvaguardar los intereses de las personas no vinculadas al litigio. Habida cuenta que ...<br \/><div class=\"pt-cv-rmwrap\"><a href=\"https:\/\/www.dmsjuridica.com\/buscador_20179478954\/corteconstitucionalcronologico202454587\/t-214-03\/\" class=\"_self pt-cv-readmore btn btn-success\" target=\"_self\">Ver Sentencia Completa...<\/a><\/div><\/div><\/div><\/div>\n<div class=\"col-md-12 col-sm-12 col-xs-12 pt-cv-content-item pt-cv-1-col\" ><div class='pt-cv-ifield'><a href=\"https:\/\/www.dmsjuridica.com\/buscador_20179478954\/corteconstitucionalcronologico202454587\/t-213-03\/\" class=\"_self pt-cv-href-thumbnail pt-cv-thumb-default\" target=\"_self\" ><\/a>\n<div class=\"pt-cv-taxoterm above_title\"><a href='https:\/\/www.dmsjuridica.com\/buscador_20179478954\/corteconstitucionalcronologico202454587\/category\/buscar-en-toda-la-corte\/2003\/tutelas-2003\/' title='Tutelas 2003' class='pt-cv-tax-tutelas-2003'>Tutelas 2003<\/a><\/div>\n<h4 class=\"pt-cv-title\"><a href=\"https:\/\/www.dmsjuridica.com\/buscador_20179478954\/corteconstitucionalcronologico202454587\/t-213-03\/\" class=\"_self\" target=\"_self\" >T-213-03<\/a><\/h4>\n<div class=\"pt-cv-content\">\u00a0 \u00a0 Sentencia T-213\/03 \u00a0 ADMINISTRADORA DEL REGIMEN SUBSIDIADO-Obligaciones frente a servicios no incluidos en POS \u00a0 DERECHO A LA SALUD DEL NI\u00d1O-Fundamental prevalente \u00a0 ADMINISTRADORA DEL REGIMEN SUBSIDIADO-Informaci\u00f3n al afiliado sobre prestaci\u00f3n de servicios no cubiertos por el POS \u00a0 ADMINISTRADORA DEL REGIMEN SUBSIDIADO-Examen de audici\u00f3n a menor\/ADMINISTRADORA DEL REGIMEN SUBSIDIADO-Repetici\u00f3n contra el Fosyga \u00a0 Referencia: expediente T- 680024 \u00a0 Acci\u00f3n de tutela instaurada por Jos\u00e9 Alonso D\u00edaz Rodr\u00edguez en nombre y representaci\u00f3n de su hijo Breidy Andr\u00e9s D\u00edaz Rodr\u00edguez, contra la A.R.S. Salud Ecoopsos. \u00a0 Magistrado Ponente: \u00a0 Dr. JAIME ARAUJO RENTERIA \u00a0 Bogot\u00e1, D.C., doce (12) de ...<br \/><div class=\"pt-cv-rmwrap\"><a href=\"https:\/\/www.dmsjuridica.com\/buscador_20179478954\/corteconstitucionalcronologico202454587\/t-213-03\/\" class=\"_self pt-cv-readmore btn btn-success\" target=\"_self\">Ver Sentencia Completa...<\/a><\/div><\/div><\/div><\/div>\n<div class=\"col-md-12 col-sm-12 col-xs-12 pt-cv-content-item pt-cv-1-col\" ><div class='pt-cv-ifield'><a href=\"https:\/\/www.dmsjuridica.com\/buscador_20179478954\/corteconstitucionalcronologico202454587\/t-212-03\/\" class=\"_self pt-cv-href-thumbnail pt-cv-thumb-default\" target=\"_self\" ><\/a>\n<div class=\"pt-cv-taxoterm above_title\"><a href='https:\/\/www.dmsjuridica.com\/buscador_20179478954\/corteconstitucionalcronologico202454587\/category\/buscar-en-toda-la-corte\/2003\/tutelas-2003\/' title='Tutelas 2003' class='pt-cv-tax-tutelas-2003'>Tutelas 2003<\/a><\/div>\n<h4 class=\"pt-cv-title\"><a href=\"https:\/\/www.dmsjuridica.com\/buscador_20179478954\/corteconstitucionalcronologico202454587\/t-212-03\/\" class=\"_self\" target=\"_self\" >T-212-03<\/a><\/h4>\n<div class=\"pt-cv-content\">\u00a0 \u00a0 Sentencia T-212\/03 \u00a0 INTERES SUPERIOR DEL MENOR-Alcance \u00a0 DERECHO DE ALIMENTOS-Alcance \u00a0 DESACATO A ORDEN JUDICIAL \u00a0 DEBIDO PROCESO-Cumplimiento de sentencias\/DERECHO DE ACCESO A LA ADMINISTRACION DE JUSTICIA-Cumplimiento de sentencias \u00a0 ACCION DE TUTELA-Protecci\u00f3n respecto de alimentaci\u00f3n equilibrada a menores \u00a0 PREVALENCIA DEL DERECHO SUSTANCIAL \u00a0 Referencia: expediente T- 679630 \u00a0 Acci\u00f3n de tutela instaurada por Mar\u00eda Reyes Medina en nombre y representaci\u00f3n de sus hijos Cindy Paola Arenas Reyes y Antonio Arenas Reyes, contra la E.S.E Hospital San Pablo de Cartagena. \u00a0 Magistrado Ponente: \u00a0 Dr. JAIME ARAUJO RENTERIA \u00a0 Bogot\u00e1, D.C., doce (12) de marzo de ...<br \/><div class=\"pt-cv-rmwrap\"><a href=\"https:\/\/www.dmsjuridica.com\/buscador_20179478954\/corteconstitucionalcronologico202454587\/t-212-03\/\" class=\"_self pt-cv-readmore btn btn-success\" target=\"_self\">Ver Sentencia Completa...<\/a><\/div><\/div><\/div><\/div>\n<div class=\"col-md-12 col-sm-12 col-xs-12 pt-cv-content-item pt-cv-1-col\" ><div class='pt-cv-ifield'><a href=\"https:\/\/www.dmsjuridica.com\/buscador_20179478954\/corteconstitucionalcronologico202454587\/t-203-03\/\" class=\"_self pt-cv-href-thumbnail pt-cv-thumb-default\" target=\"_self\" ><\/a>\n<div class=\"pt-cv-taxoterm above_title\"><a href='https:\/\/www.dmsjuridica.com\/buscador_20179478954\/corteconstitucionalcronologico202454587\/category\/buscar-en-toda-la-corte\/2003\/tutelas-2003\/' title='Tutelas 2003' class='pt-cv-tax-tutelas-2003'>Tutelas 2003<\/a><\/div>\n<h4 class=\"pt-cv-title\"><a href=\"https:\/\/www.dmsjuridica.com\/buscador_20179478954\/corteconstitucionalcronologico202454587\/t-203-03\/\" class=\"_self\" target=\"_self\" >T-203-03<\/a><\/h4>\n<div class=\"pt-cv-content\">\u00a0 \u00a0 Sentencia T-203\/03 \u00a0 ACCION DE TUTELA-Hecho superado por realizaci\u00f3n de examen m\u00e9dico \u00a0 Reiteraci\u00f3n de Jurisprudencia \u00a0 Referencia: expediente T-666664 \u00a0 Magistrado Ponente: \u00a0 Dr. ALVARO TAFUR GALVIS \u00a0 Bogot\u00e1, D.C., once (11) de marzo de dos mil tres (2003). \u00a0 La Sala Octava de Revisi\u00f3n de la Corte Constitucional, en ejercicio de sus competencias constitucionales y legales, espec\u00edficamente las previstas en los art\u00edculos 86 y 241, numeral 9, de la Constituci\u00f3n Pol\u00edtica y en el Decreto 2591 de 1.991, ha proferido la siguiente, \u00a0 SENTENCIA \u00a0 en el proceso de revisi\u00f3n de la sentencia proferida por el ...<br \/><div class=\"pt-cv-rmwrap\"><a href=\"https:\/\/www.dmsjuridica.com\/buscador_20179478954\/corteconstitucionalcronologico202454587\/t-203-03\/\" class=\"_self pt-cv-readmore btn btn-success\" target=\"_self\">Ver Sentencia Completa...<\/a><\/div><\/div><\/div><\/div>\n<div class=\"col-md-12 col-sm-12 col-xs-12 pt-cv-content-item pt-cv-1-col\" ><div class='pt-cv-ifield'><a href=\"https:\/\/www.dmsjuridica.com\/buscador_20179478954\/corteconstitucionalcronologico202454587\/t-202-03\/\" class=\"_self pt-cv-href-thumbnail pt-cv-thumb-default\" target=\"_self\" ><\/a>\n<div class=\"pt-cv-taxoterm above_title\"><a href='https:\/\/www.dmsjuridica.com\/buscador_20179478954\/corteconstitucionalcronologico202454587\/category\/buscar-en-toda-la-corte\/2003\/tutelas-2003\/' title='Tutelas 2003' class='pt-cv-tax-tutelas-2003'>Tutelas 2003<\/a><\/div>\n<h4 class=\"pt-cv-title\"><a href=\"https:\/\/www.dmsjuridica.com\/buscador_20179478954\/corteconstitucionalcronologico202454587\/t-202-03\/\" class=\"_self\" target=\"_self\" >T-202-03<\/a><\/h4>\n<div class=\"pt-cv-content\">\u00a0 \u00a0 Sentencia T-202\/03 \u00a0 DERECHO A LA SALUD-Suministro de medicamento alternativo que se encuentra en el POS \u00a0 Reiteraci\u00f3n de Jurisprudencia \u00a0 Referencia: expediente T- 682090 \u00a0 Acci\u00f3n de tutela instaurada por TERESA DEL NI\u00d1O JES\u00daS RESTREPO \u00a0contra Susalud E.P.S. Seccional Medell\u00edn \u00a0 Magistrado Ponente: \u00a0 Dr. RODRIGO ESCOBAR GIL. \u00a0 Bogot\u00e1, D.C., diez (10) de marzo de dos mil tres (2003). \u00a0 La Sala Quinta de Revisi\u00f3n de la Corte Constitucional, en ejercicio de sus competencias constitucionales y legales, en particular las contenidas en los art\u00edculos 86 y 241, numeral 9, de la Constituci\u00f3n y el Decreto 2591 ...<br \/><div class=\"pt-cv-rmwrap\"><a href=\"https:\/\/www.dmsjuridica.com\/buscador_20179478954\/corteconstitucionalcronologico202454587\/t-202-03\/\" class=\"_self pt-cv-readmore btn btn-success\" target=\"_self\">Ver Sentencia Completa...<\/a><\/div><\/div><\/div><\/div>\n<div class=\"col-md-12 col-sm-12 col-xs-12 pt-cv-content-item pt-cv-1-col\" ><div class='pt-cv-ifield'><a href=\"https:\/\/www.dmsjuridica.com\/buscador_20179478954\/corteconstitucionalcronologico202454587\/t-201-03\/\" class=\"_self pt-cv-href-thumbnail pt-cv-thumb-default\" target=\"_self\" ><\/a>\n<div class=\"pt-cv-taxoterm above_title\"><a href='https:\/\/www.dmsjuridica.com\/buscador_20179478954\/corteconstitucionalcronologico202454587\/category\/buscar-en-toda-la-corte\/2003\/tutelas-2003\/' title='Tutelas 2003' class='pt-cv-tax-tutelas-2003'>Tutelas 2003<\/a><\/div>\n<h4 class=\"pt-cv-title\"><a href=\"https:\/\/www.dmsjuridica.com\/buscador_20179478954\/corteconstitucionalcronologico202454587\/t-201-03\/\" class=\"_self\" target=\"_self\" >T-201-03<\/a><\/h4>\n<div class=\"pt-cv-content\">\u00a0 \u00a0 Sentencia T-201\/03 \u00a0 NULIDAD PROCESO DE ALIMENTOS-No puede ser declarada por juez de tutela\/NULIDAD PROCESO DE ALIMENTOS-Incompetencia funcional \u00a0 El numeral 2\u00ba del art. 140 del C\u00f3digo de Procedimiento Civil, prev\u00e9 como causal de nulidad la falta de competencia del juez que conoce del proceso. Con el agravante, que si la nulidad se origina en la incompetencia funcional de la autoridad judicial, \u00e9sta no queda saneada por el hecho de no haberse alegado como excepci\u00f3n previa, como s\u00ed ocurre con la nulidad que proviene de una falta de competencia distinta a la funcional (numeral 5\u00ba del art. 144 ...<br \/><div class=\"pt-cv-rmwrap\"><a href=\"https:\/\/www.dmsjuridica.com\/buscador_20179478954\/corteconstitucionalcronologico202454587\/t-201-03\/\" class=\"_self pt-cv-readmore btn btn-success\" target=\"_self\">Ver Sentencia Completa...<\/a><\/div><\/div><\/div><\/div>\n<div class=\"col-md-12 col-sm-12 col-xs-12 pt-cv-content-item pt-cv-1-col\" ><div class='pt-cv-ifield'><a href=\"https:\/\/www.dmsjuridica.com\/buscador_20179478954\/corteconstitucionalcronologico202454587\/t-200-03\/\" class=\"_self pt-cv-href-thumbnail pt-cv-thumb-default\" target=\"_self\" ><\/a>\n<div class=\"pt-cv-taxoterm above_title\"><a href='https:\/\/www.dmsjuridica.com\/buscador_20179478954\/corteconstitucionalcronologico202454587\/category\/buscar-en-toda-la-corte\/2003\/tutelas-2003\/' title='Tutelas 2003' class='pt-cv-tax-tutelas-2003'>Tutelas 2003<\/a><\/div>\n<h4 class=\"pt-cv-title\"><a href=\"https:\/\/www.dmsjuridica.com\/buscador_20179478954\/corteconstitucionalcronologico202454587\/t-200-03\/\" class=\"_self\" target=\"_self\" >T-200-03<\/a><\/h4>\n<div class=\"pt-cv-content\">\u00a0 \u00a0 Sentencia T-200\/03 \u00a0 ACCION DE TUTELA CONTRA DECISIONES QUE SE ADOPTAN EN PROCESO DE TUTELA-Improcedencia \u00a0 En reciente Sentencia de Unificaci\u00f3n de jurisprudencia, la Sala Plena de la Corte Constitucional estudi\u00f3 el tema de la tutela contra tutela, particularmente frente al supuesto de haberse incurrido en una v\u00eda de hecho judicial, determinando que la misma es del todo improcedente. Ciertamente, esta Corporaci\u00f3n se\u00f1al\u00f3 que las sentencias de tutela, y en general las decisiones que se adopten en el tr\u00e1mite de esta clase de procesos, no pueden ser objeto de controversia a trav\u00e9s de la formulaci\u00f3n de una nueva ...<br \/><div class=\"pt-cv-rmwrap\"><a href=\"https:\/\/www.dmsjuridica.com\/buscador_20179478954\/corteconstitucionalcronologico202454587\/t-200-03\/\" class=\"_self pt-cv-readmore btn btn-success\" target=\"_self\">Ver Sentencia Completa...<\/a><\/div><\/div><\/div><\/div>\n<div class=\"col-md-12 col-sm-12 col-xs-12 pt-cv-content-item pt-cv-1-col\" ><div class='pt-cv-ifield'><a href=\"https:\/\/www.dmsjuridica.com\/buscador_20179478954\/corteconstitucionalcronologico202454587\/t-199-03\/\" class=\"_self pt-cv-href-thumbnail pt-cv-thumb-default\" target=\"_self\" ><\/a>\n<div class=\"pt-cv-taxoterm above_title\"><a href='https:\/\/www.dmsjuridica.com\/buscador_20179478954\/corteconstitucionalcronologico202454587\/category\/buscar-en-toda-la-corte\/2003\/tutelas-2003\/' title='Tutelas 2003' class='pt-cv-tax-tutelas-2003'>Tutelas 2003<\/a><\/div>\n<h4 class=\"pt-cv-title\"><a href=\"https:\/\/www.dmsjuridica.com\/buscador_20179478954\/corteconstitucionalcronologico202454587\/t-199-03\/\" class=\"_self\" target=\"_self\" >T-199-03<\/a><\/h4>\n<div class=\"pt-cv-content\">\u00a0 \u00a0 Sentencia T-199\/03 \u00a0 ACCION DE TUTELA-Fallecimiento del paciente \u00a0 Reiteraci\u00f3n de Jurisprudencia \u00a0 Referencia: expediente T-682990 \u00a0 Acci\u00f3n de tutela instaurada por Gildardo William Marulanda Porras como agente oficioso de la se\u00f1ora Luz Amparo Herrera Tello contra COMFENALCO VALLE E.P.S. \u00a0 Magistrado Ponente: \u00a0 Dr. EDUARDO MONTEALEGRE LYNETT \u00a0 Bogot\u00e1, D.C., seis (6) de marzo de dos mil tres (2003). \u00a0 La Sala S\u00e9ptima de Revisi\u00f3n de la Corte Constitucional, en ejercicio de sus competencias constitucionales y legales, espec\u00edficamente las previstas en los art\u00edculos 86 y 241, numeral 9\u00ba de la Constituci\u00f3n Pol\u00edtica y en el Decreto 2591 ...<br \/><div class=\"pt-cv-rmwrap\"><a href=\"https:\/\/www.dmsjuridica.com\/buscador_20179478954\/corteconstitucionalcronologico202454587\/t-199-03\/\" class=\"_self pt-cv-readmore btn btn-success\" target=\"_self\">Ver Sentencia Completa...<\/a><\/div><\/div><\/div><\/div>\n<div class=\"col-md-12 col-sm-12 col-xs-12 pt-cv-content-item pt-cv-1-col\" ><div class='pt-cv-ifield'><a href=\"https:\/\/www.dmsjuridica.com\/buscador_20179478954\/corteconstitucionalcronologico202454587\/t-198-03\/\" class=\"_self pt-cv-href-thumbnail pt-cv-thumb-default\" target=\"_self\" ><\/a>\n<div class=\"pt-cv-taxoterm above_title\"><a href='https:\/\/www.dmsjuridica.com\/buscador_20179478954\/corteconstitucionalcronologico202454587\/category\/buscar-en-toda-la-corte\/2003\/tutelas-2003\/' title='Tutelas 2003' class='pt-cv-tax-tutelas-2003'>Tutelas 2003<\/a><\/div>\n<h4 class=\"pt-cv-title\"><a href=\"https:\/\/www.dmsjuridica.com\/buscador_20179478954\/corteconstitucionalcronologico202454587\/t-198-03\/\" class=\"_self\" target=\"_self\" >T-198-03<\/a><\/h4>\n<div class=\"pt-cv-content\">\u00a0 \u00a0 Sentencia T-198\/03 \u00a0 ACCION DE TUTELA CONTRA PROVIDENCIAS JUDICIALES-Procedencia excepcional por v\u00eda de hecho judicial \u00a0 VIA DE HECHO-Clases de defectos en la actuaci\u00f3n \u00a0 AUTONOMIA JUDICIAL-Razonabilidad y restricciones \u00a0 AUTONOMIA JUDICIAL E INTERPRETACION CONFORME A LA CONSTITUCION \u00a0 VIA DE HECHO-Inexistencia de defecto f\u00e1ctico \u00a0 Sobre la acusaci\u00f3n por defecto f\u00e1ctico, la Corte considera que la tutela no est\u00e1 llamada a tener \u00e9xito debido a que la controversia no surgi\u00f3 en virtud de la suficiencia o no de pruebas, o sobre su valoraci\u00f3n concreta, sino sobre la interpretaci\u00f3n y el alcance de las normas aplicables, tanto para ...<br \/><div class=\"pt-cv-rmwrap\"><a href=\"https:\/\/www.dmsjuridica.com\/buscador_20179478954\/corteconstitucionalcronologico202454587\/t-198-03\/\" class=\"_self pt-cv-readmore btn btn-success\" target=\"_self\">Ver Sentencia Completa...<\/a><\/div><\/div><\/div><\/div>\n<div class=\"col-md-12 col-sm-12 col-xs-12 pt-cv-content-item pt-cv-1-col\" ><div class='pt-cv-ifield'><a href=\"https:\/\/www.dmsjuridica.com\/buscador_20179478954\/corteconstitucionalcronologico202454587\/t-197-03\/\" class=\"_self pt-cv-href-thumbnail pt-cv-thumb-default\" target=\"_self\" ><\/a>\n<div class=\"pt-cv-taxoterm above_title\"><a href='https:\/\/www.dmsjuridica.com\/buscador_20179478954\/corteconstitucionalcronologico202454587\/category\/buscar-en-toda-la-corte\/2003\/tutelas-2003\/' title='Tutelas 2003' class='pt-cv-tax-tutelas-2003'>Tutelas 2003<\/a><\/div>\n<h4 class=\"pt-cv-title\"><a href=\"https:\/\/www.dmsjuridica.com\/buscador_20179478954\/corteconstitucionalcronologico202454587\/t-197-03\/\" class=\"_self\" target=\"_self\" >T-197-03<\/a><\/h4>\n<div class=\"pt-cv-content\">\u00a0 \u00a0 Sentencia T-197\/03 \u00a0 DERECHO A LA SALUD DEL DISCAPACITADO-Transporte para atenci\u00f3n m\u00e9dica \u00a0 El procedimiento negado por la E.P.S. cumple con los requisitos para la inaplicaci\u00f3n de las normas que regulan el Plan Obligatorio y las reglas sobre el suministro del servicio de transporte por parte de las entidades prestadoras de salud. N\u00f3tese c\u00f3mo el neur\u00f3logo tratante del afectado insiste en la pr\u00e1ctica de la intervenci\u00f3n quir\u00fargica en el FIRE como alternativa viable para lograr un mejoramiento de su actualmente cr\u00edtica condici\u00f3n de salud y con ello cesar las diarias convulsiones y conservar su integridad f\u00edsica y mental ...<br \/><div class=\"pt-cv-rmwrap\"><a href=\"https:\/\/www.dmsjuridica.com\/buscador_20179478954\/corteconstitucionalcronologico202454587\/t-197-03\/\" class=\"_self pt-cv-readmore btn btn-success\" target=\"_self\">Ver Sentencia Completa...<\/a><\/div><\/div><\/div><\/div>\n<div class=\"col-md-12 col-sm-12 col-xs-12 pt-cv-content-item pt-cv-1-col\" ><div class='pt-cv-ifield'><a href=\"https:\/\/www.dmsjuridica.com\/buscador_20179478954\/corteconstitucionalcronologico202454587\/t-196-03\/\" class=\"_self pt-cv-href-thumbnail pt-cv-thumb-default\" target=\"_self\" ><\/a>\n<div class=\"pt-cv-taxoterm above_title\"><a href='https:\/\/www.dmsjuridica.com\/buscador_20179478954\/corteconstitucionalcronologico202454587\/category\/buscar-en-toda-la-corte\/2003\/tutelas-2003\/' title='Tutelas 2003' class='pt-cv-tax-tutelas-2003'>Tutelas 2003<\/a><\/div>\n<h4 class=\"pt-cv-title\"><a href=\"https:\/\/www.dmsjuridica.com\/buscador_20179478954\/corteconstitucionalcronologico202454587\/t-196-03\/\" class=\"_self\" target=\"_self\" >T-196-03<\/a><\/h4>\n<div class=\"pt-cv-content\">\u00a0 \u00a0 Sentencia T-196\/03 \u00a0 ACCION DE TUTELA-Procedencia \u00a0 ACCION DE TUTELA-Titularidad\/PERSONA JUR\u00cdDICA-Titularidad de derechos fundamentales \u00a0 DERECHO A LA IGUALDAD-Implica un concepto relacional \u00a0 TEST DE IGUALDAD-Aplicaci\u00f3n \u00a0 DERECHO A LA IGUALDAD-Inexistencia de discriminaci\u00f3n al decretarse la caducidad del contrato de concesi\u00f3n \u00a0 DERECHO AL BUEN NOMBRE-Alcance \u00a0 El acto administrativo mediante el cual se declara la caducidad de un contrato estatal, que conforme a la presunci\u00f3n de legalidad fue expedido validamente y de acuerdo con el procedimiento acordado en el contrato de concesi\u00f3n, no puede ser calificado per se como amenaza o violaci\u00f3n del derecho fundamental al buen ...<br \/><div class=\"pt-cv-rmwrap\"><a href=\"https:\/\/www.dmsjuridica.com\/buscador_20179478954\/corteconstitucionalcronologico202454587\/t-196-03\/\" class=\"_self pt-cv-readmore btn btn-success\" target=\"_self\">Ver Sentencia Completa...<\/a><\/div><\/div><\/div><\/div>\n<div class=\"col-md-12 col-sm-12 col-xs-12 pt-cv-content-item pt-cv-1-col\" ><div class='pt-cv-ifield'><a href=\"https:\/\/www.dmsjuridica.com\/buscador_20179478954\/corteconstitucionalcronologico202454587\/t-195-03\/\" class=\"_self pt-cv-href-thumbnail pt-cv-thumb-default\" target=\"_self\" ><\/a>\n<div class=\"pt-cv-taxoterm above_title\"><a href='https:\/\/www.dmsjuridica.com\/buscador_20179478954\/corteconstitucionalcronologico202454587\/category\/buscar-en-toda-la-corte\/2003\/tutelas-2003\/' title='Tutelas 2003' class='pt-cv-tax-tutelas-2003'>Tutelas 2003<\/a><\/div>\n<h4 class=\"pt-cv-title\"><a href=\"https:\/\/www.dmsjuridica.com\/buscador_20179478954\/corteconstitucionalcronologico202454587\/t-195-03\/\" class=\"_self\" target=\"_self\" >T-195-03<\/a><\/h4>\n<div class=\"pt-cv-content\">\u00a0 \u00a0 \u00a0\u00a0 \u00a0 \u00a0 \u00a0 \u00a0 \u00a0 \u00a0 \u00a0 \u00a0 \u00a0 \u00a0 \u00a0 \u00a0 \u00a0 \u00a0 \u00a0 \u00a0 \u00a0 \u00a0 \u00a0 \u00a0 \u00a0 \u00a0 \u00a0 \u00a0 \u00a0 \u00a0 \u00a0 \u00a0 \u00a0 \u00a0 \u00a0 \u00a0 \u00a0 \u00a0 \u00a0 \u00a0 \u00a0 \u00a0 \u00a0 \u00a0 \u00a0 \u00a0 \u00a0 \u00a0 \u00a0 \u00a0 \u00a0 \u00a0 \u00a0 \u00a0 \u00a0 \u00a0 \u00a0 \u00a0 \u00a0 \u00a0 \u00a0 \u00a0 \u00a0 \u00a0 \u00a0 \u00a0 \u00a0 \u00a0 \u00a0 \u00a0 \u00a0 \u00a0 \u00a0 \u00a0 \u00a0 \u00a0 \u00a0\u00a0 \u00a0 Sentencia T-195\/03 \u00a0 SISBEN-La Corte no puede ordenar oficiosamente la afiliaci\u00f3n al sistema\/SISBEN-Deben cumplirse requisitos para lograr afiliaci\u00f3n \u00a0 A pesar de que ...<br \/><div class=\"pt-cv-rmwrap\"><a href=\"https:\/\/www.dmsjuridica.com\/buscador_20179478954\/corteconstitucionalcronologico202454587\/t-195-03\/\" class=\"_self pt-cv-readmore btn btn-success\" target=\"_self\">Ver Sentencia Completa...<\/a><\/div><\/div><\/div><\/div>\n<div class=\"col-md-12 col-sm-12 col-xs-12 pt-cv-content-item pt-cv-1-col\" ><div class='pt-cv-ifield'><a href=\"https:\/\/www.dmsjuridica.com\/buscador_20179478954\/corteconstitucionalcronologico202454587\/t-194-03\/\" class=\"_self pt-cv-href-thumbnail pt-cv-thumb-default\" target=\"_self\" ><\/a>\n<div class=\"pt-cv-taxoterm above_title\"><a href='https:\/\/www.dmsjuridica.com\/buscador_20179478954\/corteconstitucionalcronologico202454587\/category\/buscar-en-toda-la-corte\/2003\/tutelas-2003\/' title='Tutelas 2003' class='pt-cv-tax-tutelas-2003'>Tutelas 2003<\/a><\/div>\n<h4 class=\"pt-cv-title\"><a href=\"https:\/\/www.dmsjuridica.com\/buscador_20179478954\/corteconstitucionalcronologico202454587\/t-194-03\/\" class=\"_self\" target=\"_self\" >T-194-03<\/a><\/h4>\n<div class=\"pt-cv-content\">\u00a0 \u00a0 \u00a0\u00a0 \u00a0 \u00a0 \u00a0 \u00a0 \u00a0 \u00a0 \u00a0 \u00a0 \u00a0 \u00a0 \u00a0 \u00a0 \u00a0 \u00a0 \u00a0 \u00a0 \u00a0 \u00a0 \u00a0 \u00a0 \u00a0 \u00a0 \u00a0 \u00a0 \u00a0 \u00a0 \u00a0 \u00a0 \u00a0 \u00a0 \u00a0 \u00a0 \u00a0 \u00a0 \u00a0 \u00a0 \u00a0 \u00a0 \u00a0 \u00a0 \u00a0 \u00a0 \u00a0 \u00a0 \u00a0 \u00a0 \u00a0 \u00a0 \u00a0 \u00a0 \u00a0 \u00a0 \u00a0 \u00a0 \u00a0 \u00a0 \u00a0 \u00a0 \u00a0 \u00a0 \u00a0 \u00a0 \u00a0 \u00a0 \u00a0 \u00a0 \u00a0 \u00a0 \u00a0 \u00a0 \u00a0 \u00a0 \u00a0\u00a0 \u00a0 \u00a0 Sentencia T-194\/03 \u00a0 MEDIO DE DEFENSA JUDICIAL-Controversia laboral \u00a0 ACCION DE TUTELA-Improcedencia contra derechos inciertos y discutibles \u00a0 DERECHO AL MINIMO VITAL-Prueba ...<br \/><div class=\"pt-cv-rmwrap\"><a href=\"https:\/\/www.dmsjuridica.com\/buscador_20179478954\/corteconstitucionalcronologico202454587\/t-194-03\/\" class=\"_self pt-cv-readmore btn btn-success\" target=\"_self\">Ver Sentencia Completa...<\/a><\/div><\/div><\/div><\/div>\n<div class=\"col-md-12 col-sm-12 col-xs-12 pt-cv-content-item pt-cv-1-col\" ><div class='pt-cv-ifield'><a href=\"https:\/\/www.dmsjuridica.com\/buscador_20179478954\/corteconstitucionalcronologico202454587\/t-193-03\/\" class=\"_self pt-cv-href-thumbnail pt-cv-thumb-default\" target=\"_self\" ><\/a>\n<div class=\"pt-cv-taxoterm above_title\"><a href='https:\/\/www.dmsjuridica.com\/buscador_20179478954\/corteconstitucionalcronologico202454587\/category\/buscar-en-toda-la-corte\/2003\/tutelas-2003\/' title='Tutelas 2003' class='pt-cv-tax-tutelas-2003'>Tutelas 2003<\/a><\/div>\n<h4 class=\"pt-cv-title\"><a href=\"https:\/\/www.dmsjuridica.com\/buscador_20179478954\/corteconstitucionalcronologico202454587\/t-193-03\/\" class=\"_self\" target=\"_self\" >T-193-03<\/a><\/h4>\n<div class=\"pt-cv-content\">\u00a0 \u00a0 Sentencia T-193\/03 \u00a0 ACCION DE TUTELA-Procedencia excepcional pago de mesadas pensionales\/DERECHO AL MINIMO VITAL DEL PENSIONADO-Pago oportuno de mesadas\u00a0 \u00a0 ACCION DE TUTELA-Carencia actual de objeto por pago de mesadas pensionales reclamadas \u00a0 PERSONA DE LA TERCERA EDAD-Vulneraci\u00f3n de derechos fundamentales por mora en el pago de mesadas pensionales \u00a0 EMPLEADOR-Situaci\u00f3n econ\u00f3mica o presupuestal no es \u00f3bice para desconocer pago de mesadas pensionales \u00a0 DERECHO A LA PENSION DE JUBILACION-Falta de definici\u00f3n sobre existencia\/DERECHO A LA PENSION DE JUBILACION-Entidad responsable del reconocimiento y pago de mesadas pensionales \u00a0 Reiteraci\u00f3n de Jurisprudencia \u00a0 Referencia: \u00a0 \u00a0 expedientes \u00a0 \u00a0 ...<br \/><div class=\"pt-cv-rmwrap\"><a href=\"https:\/\/www.dmsjuridica.com\/buscador_20179478954\/corteconstitucionalcronologico202454587\/t-193-03\/\" class=\"_self pt-cv-readmore btn btn-success\" target=\"_self\">Ver Sentencia Completa...<\/a><\/div><\/div><\/div><\/div>\n<div class=\"col-md-12 col-sm-12 col-xs-12 pt-cv-content-item pt-cv-1-col\" ><div class='pt-cv-ifield'><a href=\"https:\/\/www.dmsjuridica.com\/buscador_20179478954\/corteconstitucionalcronologico202454587\/t-192-03\/\" class=\"_self pt-cv-href-thumbnail pt-cv-thumb-default\" target=\"_self\" ><\/a>\n<div class=\"pt-cv-taxoterm above_title\"><a href='https:\/\/www.dmsjuridica.com\/buscador_20179478954\/corteconstitucionalcronologico202454587\/category\/buscar-en-toda-la-corte\/2003\/tutelas-2003\/' title='Tutelas 2003' class='pt-cv-tax-tutelas-2003'>Tutelas 2003<\/a><\/div>\n<h4 class=\"pt-cv-title\"><a href=\"https:\/\/www.dmsjuridica.com\/buscador_20179478954\/corteconstitucionalcronologico202454587\/t-192-03\/\" class=\"_self\" target=\"_self\" >T-192-03<\/a><\/h4>\n<div class=\"pt-cv-content\">\u00a0 \u00a0 Sentencia T-192\/03 \u00a0 DERECHO A LA SUBSISTENCIA DEL TRABAJADOR-Pago oportuno de salarios\/SALARIO-Cesaci\u00f3n de pagos indefinidamente repercute en la familia \u00a0 El salario, en tanto retribuci\u00f3n a una labor realizada, se encuentra ligado directamente con el derecho fundamental a la subsistencia, el cual fue reconocido por la Corte Constitucional1 como emanaci\u00f3n de las garant\u00edas a la vida, a la salud, al trabajo, y a la seguridad social. Adem\u00e1s, dicho derecho a la subsistencia no se restringe a la satisfacci\u00f3n de las necesidades de simple subsistencia biol\u00f3gica de la persona, sino que \u00a0debe entenderse que tal derecho comporta igualmente el ...<br \/><div class=\"pt-cv-rmwrap\"><a href=\"https:\/\/www.dmsjuridica.com\/buscador_20179478954\/corteconstitucionalcronologico202454587\/t-192-03\/\" class=\"_self pt-cv-readmore btn btn-success\" target=\"_self\">Ver Sentencia Completa...<\/a><\/div><\/div><\/div><\/div>\n<div class=\"col-md-12 col-sm-12 col-xs-12 pt-cv-content-item pt-cv-1-col\" ><div class='pt-cv-ifield'><a href=\"https:\/\/www.dmsjuridica.com\/buscador_20179478954\/corteconstitucionalcronologico202454587\/t-191-03\/\" class=\"_self pt-cv-href-thumbnail pt-cv-thumb-default\" target=\"_self\" ><\/a>\n<div class=\"pt-cv-taxoterm above_title\"><a href='https:\/\/www.dmsjuridica.com\/buscador_20179478954\/corteconstitucionalcronologico202454587\/category\/buscar-en-toda-la-corte\/2003\/tutelas-2003\/' title='Tutelas 2003' class='pt-cv-tax-tutelas-2003'>Tutelas 2003<\/a><\/div>\n<h4 class=\"pt-cv-title\"><a href=\"https:\/\/www.dmsjuridica.com\/buscador_20179478954\/corteconstitucionalcronologico202454587\/t-191-03\/\" class=\"_self\" target=\"_self\" >T-191-03<\/a><\/h4>\n<div class=\"pt-cv-content\">\u00a0 \u00a0 Sentencia T-191\/03 \u00a0 DERECHO A LA SALUD DE PERSONA DE LA TERCERA EDAD-Suministro de ox\u00edgeno por la ARS \u00a0 No comparte la Sala dicho argumento. La obligaci\u00f3n del ARS consist\u00eda en garantizar la efectividad del derecho a la salud del accionante. Ello cobra especial vigor cuando se trata de un anciano de 82 a\u00f1os, que requiere de una prestaci\u00f3n consagrada en el POS-S, ox\u00edgeno domiciliario, para poder conservar su derecho constitucional la vida. La mera realizaci\u00f3n de tr\u00e1mites, as\u00ed se trate de los que usualmente efect\u00faa la ARS para cumplir con sus obligaciones constitucionales, fueron insuficientes para garantizar ...<br \/><div class=\"pt-cv-rmwrap\"><a href=\"https:\/\/www.dmsjuridica.com\/buscador_20179478954\/corteconstitucionalcronologico202454587\/t-191-03\/\" class=\"_self pt-cv-readmore btn btn-success\" target=\"_self\">Ver Sentencia Completa...<\/a><\/div><\/div><\/div><\/div>\n<div class=\"col-md-12 col-sm-12 col-xs-12 pt-cv-content-item pt-cv-1-col\" ><div class='pt-cv-ifield'><a href=\"https:\/\/www.dmsjuridica.com\/buscador_20179478954\/corteconstitucionalcronologico202454587\/t-190-03\/\" class=\"_self pt-cv-href-thumbnail pt-cv-thumb-default\" target=\"_self\" ><\/a>\n<div class=\"pt-cv-taxoterm above_title\"><a href='https:\/\/www.dmsjuridica.com\/buscador_20179478954\/corteconstitucionalcronologico202454587\/category\/buscar-en-toda-la-corte\/2003\/tutelas-2003\/' title='Tutelas 2003' class='pt-cv-tax-tutelas-2003'>Tutelas 2003<\/a><\/div>\n<h4 class=\"pt-cv-title\"><a href=\"https:\/\/www.dmsjuridica.com\/buscador_20179478954\/corteconstitucionalcronologico202454587\/t-190-03\/\" class=\"_self\" target=\"_self\" >T-190-03<\/a><\/h4>\n<div class=\"pt-cv-content\">\u00a0 \u00a0 Sentencia T-190\/03 \u00a0 SECRETARIA DE SALUD-Orden para que realice nuevo estudio y determinar nivel de pobreza para efectos del SISBEN\/DERECHO A LA SALUD DEL ENFERMO DE SIDA-Protecci\u00f3n \u00a0 La Secretar\u00eda de Salud Distrital en el momento de realizar la encuesta y de estudiar las condiciones de vida del actor, para clasificarlo en el Sisben, no analiz\u00f3 su estado de salud y las condiciones socioecon\u00f3micas en que se encontraba su n\u00facleo familiar, por ello, se considera que efectivamente se est\u00e1n vulnerando los derechos fundamentales del se\u00f1or y por tanto, la acci\u00f3n de tutela resulta procedente para protegerlos. \u00a0En consecuencia, ...<br \/><div class=\"pt-cv-rmwrap\"><a href=\"https:\/\/www.dmsjuridica.com\/buscador_20179478954\/corteconstitucionalcronologico202454587\/t-190-03\/\" class=\"_self pt-cv-readmore btn btn-success\" target=\"_self\">Ver Sentencia Completa...<\/a><\/div><\/div><\/div><\/div>\n<div class=\"col-md-12 col-sm-12 col-xs-12 pt-cv-content-item pt-cv-1-col\" ><div class='pt-cv-ifield'><a href=\"https:\/\/www.dmsjuridica.com\/buscador_20179478954\/corteconstitucionalcronologico202454587\/t-189-03\/\" class=\"_self pt-cv-href-thumbnail pt-cv-thumb-default\" target=\"_self\" ><\/a>\n<div class=\"pt-cv-taxoterm above_title\"><a href='https:\/\/www.dmsjuridica.com\/buscador_20179478954\/corteconstitucionalcronologico202454587\/category\/buscar-en-toda-la-corte\/2003\/tutelas-2003\/' title='Tutelas 2003' class='pt-cv-tax-tutelas-2003'>Tutelas 2003<\/a><\/div>\n<h4 class=\"pt-cv-title\"><a href=\"https:\/\/www.dmsjuridica.com\/buscador_20179478954\/corteconstitucionalcronologico202454587\/t-189-03\/\" class=\"_self\" target=\"_self\" >T-189-03<\/a><\/h4>\n<div class=\"pt-cv-content\">\u00a0 \u00a0 Sentencia T-189\/03 \u00a0 VIA DE HECHO POR REGULACION DE VISITAS-Abuelos maternos no est\u00e1n legitimados para que se decreten a favor de ellos \u00a0 Los familiares cercanos del menor, por ejemplo los abuelos, no gozan de iguales derechos y obligaciones que los padres en relaci\u00f3n con los hijos en lo concerniente a la regulaci\u00f3n de visitas. Que los menores s\u00f3lo pueden ser sustra\u00eddos del hogar en el que convive con sus progenitores o con alguno de ellos, con la autorizaci\u00f3n de quien lo tiene bajo su cuidado personal y ejerce la potestad parental. Que existen disposiciones legales que protegen ...<br \/><div class=\"pt-cv-rmwrap\"><a href=\"https:\/\/www.dmsjuridica.com\/buscador_20179478954\/corteconstitucionalcronologico202454587\/t-189-03\/\" class=\"_self pt-cv-readmore btn btn-success\" target=\"_self\">Ver Sentencia Completa...<\/a><\/div><\/div><\/div><\/div>\n<div class=\"col-md-12 col-sm-12 col-xs-12 pt-cv-content-item pt-cv-1-col\" ><div class='pt-cv-ifield'><a href=\"https:\/\/www.dmsjuridica.com\/buscador_20179478954\/corteconstitucionalcronologico202454587\/t-180-03\/\" class=\"_self pt-cv-href-thumbnail pt-cv-thumb-default\" target=\"_self\" ><\/a>\n<div class=\"pt-cv-taxoterm above_title\"><a href='https:\/\/www.dmsjuridica.com\/buscador_20179478954\/corteconstitucionalcronologico202454587\/category\/buscar-en-toda-la-corte\/2003\/tutelas-2003\/' title='Tutelas 2003' class='pt-cv-tax-tutelas-2003'>Tutelas 2003<\/a><\/div>\n<h4 class=\"pt-cv-title\"><a href=\"https:\/\/www.dmsjuridica.com\/buscador_20179478954\/corteconstitucionalcronologico202454587\/t-180-03\/\" class=\"_self\" target=\"_self\" >T-180-03<\/a><\/h4>\n<div class=\"pt-cv-content\">\u00a0 \u00a0 Sentencia T-180\/03 \u00a0 ACCION DE TUTELA CONTRA PARTICULARES-Procedencia excepcional \u00a0 DERECHO DE PETICION ANTE ORGANIZACIONES PRIVADAS-Subordinaci\u00f3n\/DERECHO DE PETICION ANTE ORGANIZACIONES PRIVADAS-Solicitud copia de historia laboral para efectos pensionales \u00a0 DERECHO DE PETICION ANTE ORGANIZACIONES PRIVADAS-No resoluci\u00f3n de fondo afecta seguridad social \u00a0 Referencia: expediente T-664804 \u00a0 Acci\u00f3n de tutela instaurada por Pedro Nolasco Ahumada Viloria contra la Compa\u00f1\u00eda Frutera de Sevilla S.A. \u00a0 Magistrado Ponente: \u00a0 Dra. CLARA IN\u00c9S VARGAS HERN\u00c1NDEZ \u00a0 Bogot\u00e1, D. C., veintiocho (28 ) de febrero de dos mil tres (2003). \u00a0 La Sala Novena de revisi\u00f3n de la Corte Constitucional, en ejercicio de ...<br \/><div class=\"pt-cv-rmwrap\"><a href=\"https:\/\/www.dmsjuridica.com\/buscador_20179478954\/corteconstitucionalcronologico202454587\/t-180-03\/\" class=\"_self pt-cv-readmore btn btn-success\" target=\"_self\">Ver Sentencia Completa...<\/a><\/div><\/div><\/div><\/div>\n<div class=\"col-md-12 col-sm-12 col-xs-12 pt-cv-content-item pt-cv-1-col\" ><div class='pt-cv-ifield'><a href=\"https:\/\/www.dmsjuridica.com\/buscador_20179478954\/corteconstitucionalcronologico202454587\/t-179-03\/\" class=\"_self pt-cv-href-thumbnail pt-cv-thumb-default\" target=\"_self\" ><\/a>\n<div class=\"pt-cv-taxoterm above_title\"><a href='https:\/\/www.dmsjuridica.com\/buscador_20179478954\/corteconstitucionalcronologico202454587\/category\/buscar-en-toda-la-corte\/2003\/tutelas-2003\/' title='Tutelas 2003' class='pt-cv-tax-tutelas-2003'>Tutelas 2003<\/a><\/div>\n<h4 class=\"pt-cv-title\"><a href=\"https:\/\/www.dmsjuridica.com\/buscador_20179478954\/corteconstitucionalcronologico202454587\/t-179-03\/\" class=\"_self\" target=\"_self\" >T-179-03<\/a><\/h4>\n<div class=\"pt-cv-content\">\u00a0 \u00a0 Sentencia T-179\/03 \u00a0 PENSION DE JUBILACION-No procede su reconocimiento por tutela \u00a0 La Corte tambi\u00e9n ha explicado la improcedencia de la acci\u00f3n de tutela cuando se trata del reconocimiento de la pensi\u00f3n, por cuanto dicha petici\u00f3n es una controversia que se suscita entre la entidad a cargo y el eventual pensionado, lo que se traduce en un derecho de car\u00e1cter litigioso que debe ser resuelto por la autoridad respectiva. Por regla general, la acci\u00f3n de tutela no procede cuando se trata de un derecho no reconocido, ni extrajudicial ni judicialmente, por lo que deben entrar a operar los ...<br \/><div class=\"pt-cv-rmwrap\"><a href=\"https:\/\/www.dmsjuridica.com\/buscador_20179478954\/corteconstitucionalcronologico202454587\/t-179-03\/\" class=\"_self pt-cv-readmore btn btn-success\" target=\"_self\">Ver Sentencia Completa...<\/a><\/div><\/div><\/div><\/div>\n<div class=\"col-md-12 col-sm-12 col-xs-12 pt-cv-content-item pt-cv-1-col\" ><div class='pt-cv-ifield'><a href=\"https:\/\/www.dmsjuridica.com\/buscador_20179478954\/corteconstitucionalcronologico202454587\/t-178-03\/\" class=\"_self pt-cv-href-thumbnail pt-cv-thumb-default\" target=\"_self\" ><\/a>\n<div class=\"pt-cv-taxoterm above_title\"><a href='https:\/\/www.dmsjuridica.com\/buscador_20179478954\/corteconstitucionalcronologico202454587\/category\/buscar-en-toda-la-corte\/2003\/tutelas-2003\/' title='Tutelas 2003' class='pt-cv-tax-tutelas-2003'>Tutelas 2003<\/a><\/div>\n<h4 class=\"pt-cv-title\"><a href=\"https:\/\/www.dmsjuridica.com\/buscador_20179478954\/corteconstitucionalcronologico202454587\/t-178-03\/\" class=\"_self\" target=\"_self\" >T-178-03<\/a><\/h4>\n<div class=\"pt-cv-content\">\u00a0 \u00a0 Sentencia T-178\/03 \u00a0 DERECHO A LA CONTINUIDAD EN EL SERVICIO DE SALUD-Atenci\u00f3n m\u00e9dica a menor \u00a0 DERECHO A LA CONTINUIDAD EN EL SERVICIO DE SALUD-Necesidad de realizar ex\u00e1menes prescritos por m\u00e9dico tratante \u00a0 DERECHO A LA SALUD-Incorpora el derecho al diagn\u00f3stico \u00a0 ENTIDAD PROMOTORA DE SALUD-Suministro de tratamiento se\u00f1alado por m\u00e9dico tratante aunque no figure en lista del POS \u00a0 DERECHO A LA SALUD-Condiciones para realizaci\u00f3n de tratamiento excluido del POS \u00a0 Reiteraci\u00f3n de Jurisprudencia \u00a0 Referencia: expediente T-681681 \u00a0 Acci\u00f3n de tutela instaurada por Antonia Castell\u00f3n \u00a0Porto contra SALUD TOTAL E.P.S.. \u00a0 Magistrado Ponente: \u00a0 Dr. RODRIGO ...<br \/><div class=\"pt-cv-rmwrap\"><a href=\"https:\/\/www.dmsjuridica.com\/buscador_20179478954\/corteconstitucionalcronologico202454587\/t-178-03\/\" class=\"_self pt-cv-readmore btn btn-success\" target=\"_self\">Ver Sentencia Completa...<\/a><\/div><\/div><\/div><\/div>\n<div class=\"col-md-12 col-sm-12 col-xs-12 pt-cv-content-item pt-cv-1-col\" ><div class='pt-cv-ifield'><a href=\"https:\/\/www.dmsjuridica.com\/buscador_20179478954\/corteconstitucionalcronologico202454587\/t-177-03\/\" class=\"_self pt-cv-href-thumbnail pt-cv-thumb-default\" target=\"_self\" ><\/a>\n<div class=\"pt-cv-taxoterm above_title\"><a href='https:\/\/www.dmsjuridica.com\/buscador_20179478954\/corteconstitucionalcronologico202454587\/category\/buscar-en-toda-la-corte\/2003\/tutelas-2003\/' title='Tutelas 2003' class='pt-cv-tax-tutelas-2003'>Tutelas 2003<\/a><\/div>\n<h4 class=\"pt-cv-title\"><a href=\"https:\/\/www.dmsjuridica.com\/buscador_20179478954\/corteconstitucionalcronologico202454587\/t-177-03\/\" class=\"_self\" target=\"_self\" >T-177-03<\/a><\/h4>\n<div class=\"pt-cv-content\">\u00a0 \u00a0 Sentencia T-177\/03 \u00a0 DERECHO DE PETICION ANTE ORGANIZACIONES PRIVADAS-Procedencia excepcional \u00a0 DERECHO DE PETICION ANTE ORGANIZACIONES PRIVADAS-Alcance\/DERECHO DE PETICION ANTE ORGANIZACIONES PRIVADAS-Subordinaci\u00f3n \u00a0 Es claro para la Sala que la accionante se encuentra en estado de subordinaci\u00f3n frente a la Compa\u00f1\u00eda. Ciertamente, en la medida en que se trata de la viuda de un ex empleado de dicha compa\u00f1\u00eda, los efectos de la antigua vinculaci\u00f3n laboral de su esposo se entienden prolongados en el tiempo cuando el debate que surge en sede de tutela se encuentra en directa relaci\u00f3n con dicho v\u00ednculo; ello ocurre en este caso, pues ...<br \/><div class=\"pt-cv-rmwrap\"><a href=\"https:\/\/www.dmsjuridica.com\/buscador_20179478954\/corteconstitucionalcronologico202454587\/t-177-03\/\" class=\"_self pt-cv-readmore btn btn-success\" target=\"_self\">Ver Sentencia Completa...<\/a><\/div><\/div><\/div><\/div>\n<div class=\"col-md-12 col-sm-12 col-xs-12 pt-cv-content-item pt-cv-1-col\" ><div class='pt-cv-ifield'><a href=\"https:\/\/www.dmsjuridica.com\/buscador_20179478954\/corteconstitucionalcronologico202454587\/t-176-03\/\" class=\"_self pt-cv-href-thumbnail pt-cv-thumb-default\" target=\"_self\" ><\/a>\n<div class=\"pt-cv-taxoterm above_title\"><a href='https:\/\/www.dmsjuridica.com\/buscador_20179478954\/corteconstitucionalcronologico202454587\/category\/buscar-en-toda-la-corte\/2003\/tutelas-2003\/' title='Tutelas 2003' class='pt-cv-tax-tutelas-2003'>Tutelas 2003<\/a><\/div>\n<h4 class=\"pt-cv-title\"><a href=\"https:\/\/www.dmsjuridica.com\/buscador_20179478954\/corteconstitucionalcronologico202454587\/t-176-03\/\" class=\"_self\" target=\"_self\" >T-176-03<\/a><\/h4>\n<div class=\"pt-cv-content\">\u00a0 \u00a0 Sentencia T-176\/03 \u00a0 ACCION DE TUTELA-Improcedencia pago de salarios por inexistencia de perjuicio irremediable \u00a0 ACCION DE TUTELA-T\u00e9rmino de presentaci\u00f3n\/ACCION DE TUTELA-Inmediatez \u00a0 ACCION DE TUTELA-Improcedencia por no afectaci\u00f3n del m\u00ednimo vital \u00a0 Reiteraci\u00f3n de Jurisprudencia \u00a0 Referencia: expediente T-673321 \u00a0 Acci\u00f3n de tutela instaurada por IVONNE ESTHER SOLANO SANTIAGO contra Alcald\u00eda Municipal de Baranoa y Ministerio de Educaci\u00f3n Nacional . \u00a0 Magistrado Ponente: \u00a0 Dr. RODRIGO ESCOBAR GIL \u00a0 Bogot\u00e1 D. C., veintiocho (28) de febrero de dos mil tres (2003). \u00a0 La Sala Quinta de Revisi\u00f3n de la Corte Constitucional, en ejercicio de sus competencias constitucionales ...<br \/><div class=\"pt-cv-rmwrap\"><a href=\"https:\/\/www.dmsjuridica.com\/buscador_20179478954\/corteconstitucionalcronologico202454587\/t-176-03\/\" class=\"_self pt-cv-readmore btn btn-success\" target=\"_self\">Ver Sentencia Completa...<\/a><\/div><\/div><\/div><\/div>\n<div class=\"col-md-12 col-sm-12 col-xs-12 pt-cv-content-item pt-cv-1-col\" ><div class='pt-cv-ifield'><a href=\"https:\/\/www.dmsjuridica.com\/buscador_20179478954\/corteconstitucionalcronologico202454587\/t-175-03\/\" class=\"_self pt-cv-href-thumbnail pt-cv-thumb-default\" target=\"_self\" ><\/a>\n<div class=\"pt-cv-taxoterm above_title\"><a href='https:\/\/www.dmsjuridica.com\/buscador_20179478954\/corteconstitucionalcronologico202454587\/category\/buscar-en-toda-la-corte\/2003\/tutelas-2003\/' title='Tutelas 2003' class='pt-cv-tax-tutelas-2003'>Tutelas 2003<\/a><\/div>\n<h4 class=\"pt-cv-title\"><a href=\"https:\/\/www.dmsjuridica.com\/buscador_20179478954\/corteconstitucionalcronologico202454587\/t-175-03\/\" class=\"_self\" target=\"_self\" >T-175-03<\/a><\/h4>\n<div class=\"pt-cv-content\">ACCION DE TUTELA-Procedencia excepcional pago de acreencias laborales \u00a0 DERECHO A LA SEGURIDAD SOCIAL-Pago oportuno de mesadas pensionales \u00a0 DERECHO AL MINIMO VITAL DEL PENSIONADO-Pago oportuno de mesadas \u00a0 Reiteraci\u00f3n de Jurisprudencia \u00a0 Referencia: expediente T-664593 \u00a0 Acci\u00f3n de tutela instaurada por NURY ADELA NAVAL MIRANDA, contra Alcalde Municipal de Ayapel-C\u00f3rdoba. \u00a0 Magistrado Ponente: \u00a0 Dr. RODRIGO ESCOBAR GIL \u00a0 Bogot\u00e1 D. C. veintiocho (28 ) de febrero de dos mil tres (2003). \u00a0 La Sala Quinta de Revisi\u00f3n de la Corte Constitucional, en ejercicio de sus competencias constitucionales y legales, espec\u00edficamente las previstas en los art\u00edculos 86 y 241, ...<br \/><div class=\"pt-cv-rmwrap\"><a href=\"https:\/\/www.dmsjuridica.com\/buscador_20179478954\/corteconstitucionalcronologico202454587\/t-175-03\/\" class=\"_self pt-cv-readmore btn btn-success\" target=\"_self\">Ver Sentencia Completa...<\/a><\/div><\/div><\/div><\/div>\n<div class=\"col-md-12 col-sm-12 col-xs-12 pt-cv-content-item pt-cv-1-col\" ><div class='pt-cv-ifield'><a href=\"https:\/\/www.dmsjuridica.com\/buscador_20179478954\/corteconstitucionalcronologico202454587\/t-174-03\/\" class=\"_self pt-cv-href-thumbnail pt-cv-thumb-default\" target=\"_self\" ><\/a>\n<div class=\"pt-cv-taxoterm above_title\"><a href='https:\/\/www.dmsjuridica.com\/buscador_20179478954\/corteconstitucionalcronologico202454587\/category\/buscar-en-toda-la-corte\/2003\/tutelas-2003\/' title='Tutelas 2003' class='pt-cv-tax-tutelas-2003'>Tutelas 2003<\/a><\/div>\n<h4 class=\"pt-cv-title\"><a href=\"https:\/\/www.dmsjuridica.com\/buscador_20179478954\/corteconstitucionalcronologico202454587\/t-174-03\/\" class=\"_self\" target=\"_self\" >T-174-03<\/a><\/h4>\n<div class=\"pt-cv-content\">\u00a0 \u00a0 Sentencia T-174\/03 \u00a0 ACCION DE TUTELA-Procedencia excepcional pago de acreencias laborales \u00a0 DERECHO AL PAGO OPORTUNO DEL SALARIO-Fundamental por afectaci\u00f3n del m\u00ednimo vital \u00a0 ACCION DE TUTELA TRANSITORIA-Pago de salario en mora \u00a0 EMPLEADOR-Situaci\u00f3n econ\u00f3mica o presupuestal no es \u00f3bice para desconocer pago de salarios \u00a0 Reiteraci\u00f3n de Jurisprudencia \u00a0 Referencia: expediente T-664592 \u00a0 Acci\u00f3n de tutela instaurada por RICAURTE MIRANDA RUIZ contra Empresas P\u00fablicas Municipales de Ayapel y Municipio de Ayapel \u00a0 Magistrado Ponente: \u00a0 Dr. ALVARO TAFUR GALVIS \u00a0 Bogot\u00e1 D. C., veintiocho (28) de febrero de dos mil tres (2003).\u00a0 \u00a0 La Sala Octava de ...<br \/><div class=\"pt-cv-rmwrap\"><a href=\"https:\/\/www.dmsjuridica.com\/buscador_20179478954\/corteconstitucionalcronologico202454587\/t-174-03\/\" class=\"_self pt-cv-readmore btn btn-success\" target=\"_self\">Ver Sentencia Completa...<\/a><\/div><\/div><\/div><\/div>\n<div class=\"col-md-12 col-sm-12 col-xs-12 pt-cv-content-item pt-cv-1-col\" ><div class='pt-cv-ifield'><a href=\"https:\/\/www.dmsjuridica.com\/buscador_20179478954\/corteconstitucionalcronologico202454587\/t-173-03\/\" class=\"_self pt-cv-href-thumbnail pt-cv-thumb-default\" target=\"_self\" ><\/a>\n<div class=\"pt-cv-taxoterm above_title\"><a href='https:\/\/www.dmsjuridica.com\/buscador_20179478954\/corteconstitucionalcronologico202454587\/category\/buscar-en-toda-la-corte\/2003\/tutelas-2003\/' title='Tutelas 2003' class='pt-cv-tax-tutelas-2003'>Tutelas 2003<\/a><\/div>\n<h4 class=\"pt-cv-title\"><a href=\"https:\/\/www.dmsjuridica.com\/buscador_20179478954\/corteconstitucionalcronologico202454587\/t-173-03\/\" class=\"_self\" target=\"_self\" >T-173-03<\/a><\/h4>\n<div class=\"pt-cv-content\">\u00a0 \u00a0 Sentencia T-173\/03 \u00a0 DERECHO A LA SALUD-Fundamental por conexidad con la vida \u00a0 DERECHO A LA VIDA DIGNA-Suministro de medicamento para aliviar enfermedad \u00a0 DERECHO A LA VIDA DIGNA-Suministro de medicamento no contenido en listado oficial \u00a0 INAPLICACION DE NORMAS DEL PLAN OBLIGATORIO DE SALUD-Condiciones en que procede por exclusi\u00f3n de medicamentos \u00a0 Reiteraci\u00f3n de Jurisprudencia \u00a0 Referencia: expediente T-660449 \u00a0 Acci\u00f3n de tutela interpuesta por Alicia Manchola de Aldana contra Cajanal y Uni\u00f3n Temporal Prosalud \u2013Tolima - y Fiduciaria La Previsora de Ibagu\u00e9. \u00a0 Magistrado Ponente: \u00a0 Dr. \u00c1LVARO TAFUR GALVIS \u00a0 Bogot\u00e1, D. C., veintiocho (28) ...<br \/><div class=\"pt-cv-rmwrap\"><a href=\"https:\/\/www.dmsjuridica.com\/buscador_20179478954\/corteconstitucionalcronologico202454587\/t-173-03\/\" class=\"_self pt-cv-readmore btn btn-success\" target=\"_self\">Ver Sentencia Completa...<\/a><\/div><\/div><\/div><\/div>\n<div class=\"col-md-12 col-sm-12 col-xs-12 pt-cv-content-item pt-cv-1-col\" ><div class='pt-cv-ifield'><a href=\"https:\/\/www.dmsjuridica.com\/buscador_20179478954\/corteconstitucionalcronologico202454587\/t-172-03\/\" class=\"_self pt-cv-href-thumbnail pt-cv-thumb-default\" target=\"_self\" ><\/a>\n<div class=\"pt-cv-taxoterm above_title\"><a href='https:\/\/www.dmsjuridica.com\/buscador_20179478954\/corteconstitucionalcronologico202454587\/category\/buscar-en-toda-la-corte\/2003\/tutelas-2003\/' title='Tutelas 2003' class='pt-cv-tax-tutelas-2003'>Tutelas 2003<\/a><\/div>\n<h4 class=\"pt-cv-title\"><a href=\"https:\/\/www.dmsjuridica.com\/buscador_20179478954\/corteconstitucionalcronologico202454587\/t-172-03\/\" class=\"_self\" target=\"_self\" >T-172-03<\/a><\/h4>\n<div class=\"pt-cv-content\">\u00a0 \u00a0 Sentencia T-172\/03 \u00a0 DERECHO A LA SALUD DEL INTERNO-Cirug\u00eda de tumor \u00a0 Es procedente conceder el amparo constitucional de los derechos invocados por el accionante. \u00c9l ha visto vulnerados sus derechos a la salud y a la vida en condiciones dignas, por la demora en el tratamiento que requiere para aliviar sus problemas f\u00edsicos. De conformidad con las pruebas que obran en el expediente, desde hace m\u00e1s de dos a\u00f1os se inici\u00f3 el tr\u00e1mite administrativo correspondiente, sin que se haya practicado siquiera el examen de Arteriograf\u00eda de car\u00f3tida izquierda que determinar\u00e1 el tratamiento a seguir. De otro lado, ...<br \/><div class=\"pt-cv-rmwrap\"><a href=\"https:\/\/www.dmsjuridica.com\/buscador_20179478954\/corteconstitucionalcronologico202454587\/t-172-03\/\" class=\"_self pt-cv-readmore btn btn-success\" target=\"_self\">Ver Sentencia Completa...<\/a><\/div><\/div><\/div><\/div>\n<div class=\"col-md-12 col-sm-12 col-xs-12 pt-cv-content-item pt-cv-1-col\" ><div class='pt-cv-ifield'><a href=\"https:\/\/www.dmsjuridica.com\/buscador_20179478954\/corteconstitucionalcronologico202454587\/t-171-03\/\" class=\"_self pt-cv-href-thumbnail pt-cv-thumb-default\" target=\"_self\" ><\/a>\n<div class=\"pt-cv-taxoterm above_title\"><a href='https:\/\/www.dmsjuridica.com\/buscador_20179478954\/corteconstitucionalcronologico202454587\/category\/buscar-en-toda-la-corte\/2003\/tutelas-2003\/' title='Tutelas 2003' class='pt-cv-tax-tutelas-2003'>Tutelas 2003<\/a><\/div>\n<h4 class=\"pt-cv-title\"><a href=\"https:\/\/www.dmsjuridica.com\/buscador_20179478954\/corteconstitucionalcronologico202454587\/t-171-03\/\" class=\"_self\" target=\"_self\" >T-171-03<\/a><\/h4>\n<div class=\"pt-cv-content\">\u00a0 \u00a0 Sentencia T-171\/03 \u00a0 ACCION DE TUTELA CONTRA COMPA\u00d1IA DE SEGUROS-Procedencia\u00a0 \u00a0 Se muestra como manifiesta en este caso la indefensi\u00f3n de la accionante, la cual tiene lugar cuando la persona afectada no est\u00e1 en condiciones de dar una respuesta efectiva ante la violaci\u00f3n o la amenaza de sus derechos fundamentales. En efecto, la demandante no tiene la posibilidad de oponerse de manera eficaz a la actitud de la compa\u00f1\u00eda, de la que se desprender\u00eda \u00a0la afectaci\u00f3n de los derechos fundamentales invocados, por cuanto la negativa de dar un visto bueno para la cirug\u00eda requerida, implicar\u00eda la imposibilidad de ...<br \/><div class=\"pt-cv-rmwrap\"><a href=\"https:\/\/www.dmsjuridica.com\/buscador_20179478954\/corteconstitucionalcronologico202454587\/t-171-03\/\" class=\"_self pt-cv-readmore btn btn-success\" target=\"_self\">Ver Sentencia Completa...<\/a><\/div><\/div><\/div><\/div>\n<div class=\"col-md-12 col-sm-12 col-xs-12 pt-cv-content-item pt-cv-1-col\" ><div class='pt-cv-ifield'><a href=\"https:\/\/www.dmsjuridica.com\/buscador_20179478954\/corteconstitucionalcronologico202454587\/t-170-03\/\" class=\"_self pt-cv-href-thumbnail pt-cv-thumb-default\" target=\"_self\" ><\/a>\n<div class=\"pt-cv-taxoterm above_title\"><a href='https:\/\/www.dmsjuridica.com\/buscador_20179478954\/corteconstitucionalcronologico202454587\/category\/buscar-en-toda-la-corte\/2003\/tutelas-2003\/' title='Tutelas 2003' class='pt-cv-tax-tutelas-2003'>Tutelas 2003<\/a><\/div>\n<h4 class=\"pt-cv-title\"><a href=\"https:\/\/www.dmsjuridica.com\/buscador_20179478954\/corteconstitucionalcronologico202454587\/t-170-03\/\" class=\"_self\" target=\"_self\" >T-170-03<\/a><\/h4>\n<div class=\"pt-cv-content\">\u00a0 \u00a0 Sentencia T-170\/03 \u00a0 SERVICIO PUBLICO DE EDUCACION-L\u00edmites \u00a0 DERECHO A LA EDUCACION-Asignaci\u00f3n de cupos \u00a0 DERECHO A LA EDUCACION DEL NI\u00d1O-Cupo asignado lejos de su residencia \u00a0 De lo que se trata es que la protecci\u00f3n a la educaci\u00f3n este ligada a la seguridad de desplazamiento a la que se somete un menor de edad cuando el cupo asignado est\u00e1 lejos de su residencia, aunque en la misma localidad. La protecci\u00f3n y la garant\u00eda del derecho a la ense\u00f1anza no solo hace referencia al acceso a ella, sino tambi\u00e9n a la seguridad del menor. \u00a0 DERECHO A LA ...<br \/><div class=\"pt-cv-rmwrap\"><a href=\"https:\/\/www.dmsjuridica.com\/buscador_20179478954\/corteconstitucionalcronologico202454587\/t-170-03\/\" class=\"_self pt-cv-readmore btn btn-success\" target=\"_self\">Ver Sentencia Completa...<\/a><\/div><\/div><\/div><\/div>\n<div class=\"col-md-12 col-sm-12 col-xs-12 pt-cv-content-item pt-cv-1-col\" ><div class='pt-cv-ifield'><a href=\"https:\/\/www.dmsjuridica.com\/buscador_20179478954\/corteconstitucionalcronologico202454587\/t-169-03\/\" class=\"_self pt-cv-href-thumbnail pt-cv-thumb-default\" target=\"_self\" ><\/a>\n<div class=\"pt-cv-taxoterm above_title\"><a href='https:\/\/www.dmsjuridica.com\/buscador_20179478954\/corteconstitucionalcronologico202454587\/category\/buscar-en-toda-la-corte\/2003\/tutelas-2003\/' title='Tutelas 2003' class='pt-cv-tax-tutelas-2003'>Tutelas 2003<\/a><\/div>\n<h4 class=\"pt-cv-title\"><a href=\"https:\/\/www.dmsjuridica.com\/buscador_20179478954\/corteconstitucionalcronologico202454587\/t-169-03\/\" class=\"_self\" target=\"_self\" >T-169-03<\/a><\/h4>\n<div class=\"pt-cv-content\">\u00a0 \u00a0 Sentencia T-169\/03 \u00a0 DERECHO ADQUIRIDO A LA PENSION DE JUBILACION-Protecci\u00f3n \u00a0 DERECHO A LA SEGURIDAD SOCIAL-Fundamental por conexidad \u00a0 DERECHO A LA SEGURIDAD SOCIAL-Irrenunciabilidad \u00a0 REGIMEN DE TRANSICI\u00d3N EN PENSIONES-Fundamento \u00a0 REGIMENES ESPECIALES EN MATERIA DE SEGURIDAD SOCIAL-Existencia \u00a0 REGIMEN ESPECIAL VIGENTE PARA LA RAMA JUDICIAL Y EL MINISTERIO PUBLICO-Decreto 546 de 1971 \u00a0 REGIMEN DE TRANSICION-Se mantienen vigentes los reg\u00edmenes especiales \u00a0 VIA DE HECHO-Acto administrativo que resuelve pensiones \u00a0 LIQUIDACION DE PENSIONES-Monto y base son componentes inseparables \u00a0 LIQUIDACION DE PENSIONES-Base reguladora tiene relaci\u00f3n directa con el salario \u00a0 PENSION DE JUBILACION EN REGIMENES ESPECIALES-L\u00edmite m\u00e1ximo ...<br \/><div class=\"pt-cv-rmwrap\"><a href=\"https:\/\/www.dmsjuridica.com\/buscador_20179478954\/corteconstitucionalcronologico202454587\/t-169-03\/\" class=\"_self pt-cv-readmore btn btn-success\" target=\"_self\">Ver Sentencia Completa...<\/a><\/div><\/div><\/div><\/div>\n<div class=\"col-md-12 col-sm-12 col-xs-12 pt-cv-content-item pt-cv-1-col\" ><div class='pt-cv-ifield'><a href=\"https:\/\/www.dmsjuridica.com\/buscador_20179478954\/corteconstitucionalcronologico202454587\/t-168-03\/\" class=\"_self pt-cv-href-thumbnail pt-cv-thumb-default\" target=\"_self\" ><\/a>\n<div class=\"pt-cv-taxoterm above_title\"><a href='https:\/\/www.dmsjuridica.com\/buscador_20179478954\/corteconstitucionalcronologico202454587\/category\/buscar-en-toda-la-corte\/2003\/tutelas-2003\/' title='Tutelas 2003' class='pt-cv-tax-tutelas-2003'>Tutelas 2003<\/a><\/div>\n<h4 class=\"pt-cv-title\"><a href=\"https:\/\/www.dmsjuridica.com\/buscador_20179478954\/corteconstitucionalcronologico202454587\/t-168-03\/\" class=\"_self\" target=\"_self\" >T-168-03<\/a><\/h4>\n<div class=\"pt-cv-content\">\u00a0 \u00a0 Sentencia T-168\/03 \u00a0 ACCION DE TUTELA-Improcedencia general sobre controversias contractuales\/MEDIO DE DEFENSA JUDICIAL-Incumplimiento de contrato de suministro \u00a0 ACCION DE TUTELA-Improcedencia para revivir t\u00e9rminos precluidos o actuaciones judiciales omitidas \u00a0 Reiteraci\u00f3n de Jurisprudencia \u00a0 Referencia: expediente T-669856 \u00a0 Acci\u00f3n de tutela instaurada por Mar\u00eda Elena Gil Cardona contra el Municipio de Segovia (Antioquia). \u00a0 Magistrado Ponente: \u00a0 Dr. MANUEL JOS\u00c9 CEPEDA ESPINOSA \u00a0 Bogot\u00e1, D. C., veintisiete (27) de febrero de dos mil tres (2003). \u00a0 La Sala Tercera de Revisi\u00f3n de la Corte Constitucional, en ejercicio de sus competencias constitucionales y legales, en particular las contenidas en ...<br \/><div class=\"pt-cv-rmwrap\"><a href=\"https:\/\/www.dmsjuridica.com\/buscador_20179478954\/corteconstitucionalcronologico202454587\/t-168-03\/\" class=\"_self pt-cv-readmore btn btn-success\" target=\"_self\">Ver Sentencia Completa...<\/a><\/div><\/div><\/div><\/div>\n<div class=\"col-md-12 col-sm-12 col-xs-12 pt-cv-content-item pt-cv-1-col\" ><div class='pt-cv-ifield'><a href=\"https:\/\/www.dmsjuridica.com\/buscador_20179478954\/corteconstitucionalcronologico202454587\/t-167-03\/\" class=\"_self pt-cv-href-thumbnail pt-cv-thumb-default\" target=\"_self\" ><\/a>\n<div class=\"pt-cv-taxoterm above_title\"><a href='https:\/\/www.dmsjuridica.com\/buscador_20179478954\/corteconstitucionalcronologico202454587\/category\/buscar-en-toda-la-corte\/2003\/tutelas-2003\/' title='Tutelas 2003' class='pt-cv-tax-tutelas-2003'>Tutelas 2003<\/a><\/div>\n<h4 class=\"pt-cv-title\"><a href=\"https:\/\/www.dmsjuridica.com\/buscador_20179478954\/corteconstitucionalcronologico202454587\/t-167-03\/\" class=\"_self\" target=\"_self\" >T-167-03<\/a><\/h4>\n<div class=\"pt-cv-content\">\u00a0 \u00a0 Sentencia T-167\/03 \u00a0 MUJER TRABAJADORA EMBARAZADA-Protecci\u00f3n constitucional especial \u00a0 ACCION DE TUTELA TRANSITORIA-Casos excepcionales de reintegro por despido de mujer embarazada \u00a0 ACCION DE TUTELA TRANSITORIA DE MUJER EMBARAZADA-Elementos f\u00e1cticos que deben demostrarse \u00a0 REINTEGRO AL CARGO DE MUJER EMBARAZADA-Protecci\u00f3n por afectaci\u00f3n del m\u00ednimo vital \u00a0 Reiteraci\u00f3n de jurisprudencia \u00a0 Referencia: expediente T-665844 \u00a0 Acci\u00f3n de tutela instaurada por Nelly Marcela S\u00e1nchez Villamizar \u00a0contra la empresa HIMHER \u00a0 y C\u00eda. Ltda.\u00a0 \u00a0 Magistrado Ponente: \u00a0 Dr. MANUEL JOS\u00c9 CEPEDA ESPINOSA \u00a0 Bogot\u00e1, D.C., veintisiete (27) de febrero de dos mil tres (2003). \u00a0 La Sala Tercera de Revisi\u00f3n ...<br \/><div class=\"pt-cv-rmwrap\"><a href=\"https:\/\/www.dmsjuridica.com\/buscador_20179478954\/corteconstitucionalcronologico202454587\/t-167-03\/\" class=\"_self pt-cv-readmore btn btn-success\" target=\"_self\">Ver Sentencia Completa...<\/a><\/div><\/div><\/div><\/div>\n<div class=\"col-md-12 col-sm-12 col-xs-12 pt-cv-content-item pt-cv-1-col\" ><div class='pt-cv-ifield'><a href=\"https:\/\/www.dmsjuridica.com\/buscador_20179478954\/corteconstitucionalcronologico202454587\/t-166-03\/\" class=\"_self pt-cv-href-thumbnail pt-cv-thumb-default\" target=\"_self\" ><\/a>\n<div class=\"pt-cv-taxoterm above_title\"><a href='https:\/\/www.dmsjuridica.com\/buscador_20179478954\/corteconstitucionalcronologico202454587\/category\/buscar-en-toda-la-corte\/2003\/tutelas-2003\/' title='Tutelas 2003' class='pt-cv-tax-tutelas-2003'>Tutelas 2003<\/a><\/div>\n<h4 class=\"pt-cv-title\"><a href=\"https:\/\/www.dmsjuridica.com\/buscador_20179478954\/corteconstitucionalcronologico202454587\/t-166-03\/\" class=\"_self\" target=\"_self\" >T-166-03<\/a><\/h4>\n<div class=\"pt-cv-content\">\u00a0 \u00a0 Sentencia T-166\/03 \u00a0 DERECHO A LA VIDA-Protecci\u00f3n por el Estado \u00a0 DERECHO A LA VIDA-Facetas\/AMENAZA-Par\u00e1metros de evoluci\u00f3n \u00a0 ACCION DE TUTELA-Solicitud de abogado para parquear frente a la oficina por amenaza contra su vida\/ACCION DE TUTELA-Improcedencia por no existir amenaza determinada, presente y real \u00a0 Reiteraci\u00f3n de Jurisprudencia\u00a0 \u00a0 Referencia: expediente T-661625 \u00a0 Acci\u00f3n de tutela de Rodrigo Murillo Vargas contra el Alcalde del Municipio de V\u00e9lez, Santander \u00a0 Magistrado Ponente:\u00a0 \u00a0 Dr. MANUEL JOS\u00c9 CEPEDA ESPINOSA \u00a0 Bogot\u00e1, D.C., veintisiete (27) de febrero de dos mil tres (2003). \u00a0 La Sala Tercera de Revisi\u00f3n de la Corte ...<br \/><div class=\"pt-cv-rmwrap\"><a href=\"https:\/\/www.dmsjuridica.com\/buscador_20179478954\/corteconstitucionalcronologico202454587\/t-166-03\/\" class=\"_self pt-cv-readmore btn btn-success\" target=\"_self\">Ver Sentencia Completa...<\/a><\/div><\/div><\/div><\/div>\n<div class=\"col-md-12 col-sm-12 col-xs-12 pt-cv-content-item pt-cv-1-col\" ><div class='pt-cv-ifield'><a href=\"https:\/\/www.dmsjuridica.com\/buscador_20179478954\/corteconstitucionalcronologico202454587\/t-165-03\/\" class=\"_self pt-cv-href-thumbnail pt-cv-thumb-default\" target=\"_self\" ><\/a>\n<div class=\"pt-cv-taxoterm above_title\"><a href='https:\/\/www.dmsjuridica.com\/buscador_20179478954\/corteconstitucionalcronologico202454587\/category\/buscar-en-toda-la-corte\/2003\/tutelas-2003\/' title='Tutelas 2003' class='pt-cv-tax-tutelas-2003'>Tutelas 2003<\/a><\/div>\n<h4 class=\"pt-cv-title\"><a href=\"https:\/\/www.dmsjuridica.com\/buscador_20179478954\/corteconstitucionalcronologico202454587\/t-165-03\/\" class=\"_self\" target=\"_self\" >T-165-03<\/a><\/h4>\n<div class=\"pt-cv-content\">\u00a0 \u00a0 Sentencia T-165\/03\u00a0 \u00a0 DERECHO A LA PENSION DE JUBILACION-Mora patronal en pago de aportes \u00a0 Sea porque el empleador no descont\u00f3 las semanas del salario del trabajador, o \u00a0bien porque habi\u00e9ndolas descontado, nunca las traslad\u00f3 al Instituto, en todo caso, \u00a0la responsabilidad \u00a0por \u00e9stas semanas no recae sobre el actor. En efecto, el art\u00edculo 22 de la Ley 100 de 1993, establece como una obligaci\u00f3n del patrono descontar los aportes del trabajador a la seguridad social del sueldo de cada mes, los cuales, -adicionados a los aportes patronales- deber\u00e1n \u00a0trasladarse a la Entidad Administradora de Pensiones, en este ...<br \/><div class=\"pt-cv-rmwrap\"><a href=\"https:\/\/www.dmsjuridica.com\/buscador_20179478954\/corteconstitucionalcronologico202454587\/t-165-03\/\" class=\"_self pt-cv-readmore btn btn-success\" target=\"_self\">Ver Sentencia Completa...<\/a><\/div><\/div><\/div><\/div>\n<div class=\"col-md-12 col-sm-12 col-xs-12 pt-cv-content-item pt-cv-1-col\" ><div class='pt-cv-ifield'><a href=\"https:\/\/www.dmsjuridica.com\/buscador_20179478954\/corteconstitucionalcronologico202454587\/t-164-03\/\" class=\"_self pt-cv-href-thumbnail pt-cv-thumb-default\" target=\"_self\" ><\/a>\n<div class=\"pt-cv-taxoterm above_title\"><a href='https:\/\/www.dmsjuridica.com\/buscador_20179478954\/corteconstitucionalcronologico202454587\/category\/buscar-en-toda-la-corte\/2003\/tutelas-2003\/' title='Tutelas 2003' class='pt-cv-tax-tutelas-2003'>Tutelas 2003<\/a><\/div>\n<h4 class=\"pt-cv-title\"><a href=\"https:\/\/www.dmsjuridica.com\/buscador_20179478954\/corteconstitucionalcronologico202454587\/t-164-03\/\" class=\"_self\" target=\"_self\" >T-164-03<\/a><\/h4>\n<div class=\"pt-cv-content\">\u00a0 \u00a0 Sentencia T-164\/03 \u00a0 ACCION DE TUTELA-Improcedencia por ausencia de responsabilidad de la administraci\u00f3n municipal \u00a0 En este caso el municipio ha realizado todas las conductas activas jur\u00eddicamente exigibles para hacer cesar la vulneraci\u00f3n de los derechos fundamentales al m\u00ednimo vital y a la vida en condiciones dignas de la demandante y sus hijos. En efecto, se encuentra \u00a0suficientemente probado que la administraci\u00f3n municipal profiri\u00f3 la resoluci\u00f3n, en la que se reconoce y ordena el pago de la pensi\u00f3n vitalicia \u00a0a favor de la se\u00f1ora y de sus hijos menores, m\u00e1s los incrementos anuales correspondientes \u00a0al \u00edndice de precios ...<br \/><div class=\"pt-cv-rmwrap\"><a href=\"https:\/\/www.dmsjuridica.com\/buscador_20179478954\/corteconstitucionalcronologico202454587\/t-164-03\/\" class=\"_self pt-cv-readmore btn btn-success\" target=\"_self\">Ver Sentencia Completa...<\/a><\/div><\/div><\/div><\/div>\n<div class=\"col-md-12 col-sm-12 col-xs-12 pt-cv-content-item pt-cv-1-col\" ><div class='pt-cv-ifield'><a href=\"https:\/\/www.dmsjuridica.com\/buscador_20179478954\/corteconstitucionalcronologico202454587\/t-163-03\/\" class=\"_self pt-cv-href-thumbnail pt-cv-thumb-default\" target=\"_self\" ><\/a>\n<div class=\"pt-cv-taxoterm above_title\"><a href='https:\/\/www.dmsjuridica.com\/buscador_20179478954\/corteconstitucionalcronologico202454587\/category\/buscar-en-toda-la-corte\/2003\/tutelas-2003\/' title='Tutelas 2003' class='pt-cv-tax-tutelas-2003'>Tutelas 2003<\/a><\/div>\n<h4 class=\"pt-cv-title\"><a href=\"https:\/\/www.dmsjuridica.com\/buscador_20179478954\/corteconstitucionalcronologico202454587\/t-163-03\/\" class=\"_self\" target=\"_self\" >T-163-03<\/a><\/h4>\n<div class=\"pt-cv-content\">\u00a0 \u00a0 Sentencia T-163\/03 \u00a0 RATIO DECIDENDI-Concepto \u00a0 La ratio decidendi de una decisi\u00f3n judicial, en t\u00e9rminos generales, corresponde al fundamento de la decisi\u00f3n o, en otras palabras, a la norma que aplica el juez en la soluci\u00f3n del caso objeto de controversia. Tal ratio es el resultado de un ejercicio hermen\u00e9utico en el cual el juez justifica tanto la interpretaci\u00f3n del derecho positivo como la aplicaci\u00f3n de la norma al caso concreto. En este orden de ideas, puede sostenerse que prima facie tal interpretaci\u00f3n de la disposici\u00f3n positiva est\u00e1 sujeta y sigue la misma de la ratio de la ...<br \/><div class=\"pt-cv-rmwrap\"><a href=\"https:\/\/www.dmsjuridica.com\/buscador_20179478954\/corteconstitucionalcronologico202454587\/t-163-03\/\" class=\"_self pt-cv-readmore btn btn-success\" target=\"_self\">Ver Sentencia Completa...<\/a><\/div><\/div><\/div><\/div>\n<div class=\"col-md-12 col-sm-12 col-xs-12 pt-cv-content-item pt-cv-1-col\" ><div class='pt-cv-ifield'><a href=\"https:\/\/www.dmsjuridica.com\/buscador_20179478954\/corteconstitucionalcronologico202454587\/t-146-03\/\" class=\"_self pt-cv-href-thumbnail pt-cv-thumb-default\" target=\"_self\" ><\/a>\n<div class=\"pt-cv-taxoterm above_title\"><a href='https:\/\/www.dmsjuridica.com\/buscador_20179478954\/corteconstitucionalcronologico202454587\/category\/buscar-en-toda-la-corte\/2003\/tutelas-2003\/' title='Tutelas 2003' class='pt-cv-tax-tutelas-2003'>Tutelas 2003<\/a><\/div>\n<h4 class=\"pt-cv-title\"><a href=\"https:\/\/www.dmsjuridica.com\/buscador_20179478954\/corteconstitucionalcronologico202454587\/t-146-03\/\" class=\"_self\" target=\"_self\" >T-146-03<\/a><\/h4>\n<div class=\"pt-cv-content\">\u00a0 \u00a0 Sentencia T-146\/03 \u00a0 ACCION DE TUTELA CONTRA ADMINISTRACION DE CONJUNTO RESIDENCIAL-Procedencia \u00a0 ACCION DE TUTELA CONTRA ADMINISTRACION DE CONJUNTO RESIDENCIAL-Casos en que procede respecto de reglamentos de copropiedad\u00a0 \u00a0 CONJUNTO RESIDENCIAL-Deudor moroso es el propietario no el arrendatario \u00a0 CONJUNTO RESIDENCIAL-Suspensi\u00f3n de servicios por no pago de administraci\u00f3n \u00a0 La jurisprudencia constitucional ha determinado que la suspensi\u00f3n de los servicios de administraci\u00f3n tales como el uso de la piscina, de los jardines y el impedir el ingreso de los deudores morosos a las asambleas de propietarios, no constituyen medidas que vulneren los derechos fundamentales de los residentes, y ...<br \/><div class=\"pt-cv-rmwrap\"><a href=\"https:\/\/www.dmsjuridica.com\/buscador_20179478954\/corteconstitucionalcronologico202454587\/t-146-03\/\" class=\"_self pt-cv-readmore btn btn-success\" target=\"_self\">Ver Sentencia Completa...<\/a><\/div><\/div><\/div><\/div>\n<div class=\"col-md-12 col-sm-12 col-xs-12 pt-cv-content-item pt-cv-1-col\" ><div class='pt-cv-ifield'><a href=\"https:\/\/www.dmsjuridica.com\/buscador_20179478954\/corteconstitucionalcronologico202454587\/t-145-03\/\" class=\"_self pt-cv-href-thumbnail pt-cv-thumb-default\" target=\"_self\" ><\/a>\n<div class=\"pt-cv-taxoterm above_title\"><a href='https:\/\/www.dmsjuridica.com\/buscador_20179478954\/corteconstitucionalcronologico202454587\/category\/buscar-en-toda-la-corte\/2003\/tutelas-2003\/' title='Tutelas 2003' class='pt-cv-tax-tutelas-2003'>Tutelas 2003<\/a><\/div>\n<h4 class=\"pt-cv-title\"><a href=\"https:\/\/www.dmsjuridica.com\/buscador_20179478954\/corteconstitucionalcronologico202454587\/t-145-03\/\" class=\"_self\" target=\"_self\" >T-145-03<\/a><\/h4>\n<div class=\"pt-cv-content\">\u00a0 \u00a0 Sentencia T-145\/03 \u00a0 INAPLICACION DE NORMAS DEL PLAN OBLIGATORIO DE SALUD-Exclusi\u00f3n de suministro silla de ruedas a menor \u00a0 DERECHO A LA SALUD FISICA Y MENTAL DEL NI\u00d1O-Suministro silla de ruedas \u00a0 DERECHO A LA SALUD DEL NI\u00d1O-Fundamental prevalente \u00a0 DERECHOS DEL NI\u00d1O DISCAPACITADO-Suministro silla de ruedas\/DERECHO A LA VIDA DIGNA DEL NI\u00d1O-Suministro silla de ruedas \u00a0 Reiteraci\u00f3n de Jurisprudencia \u00a0 Referencia: expediente T-673716 \u00a0 Acci\u00f3n de tutela instaurada por Yolis Esther Espitia Triana contra la A.R.S. COOSALUD. \u00a0 Magistrado Ponente: \u00a0 Dr. MANUEL JOS\u00c9 CEPEDA ESPINOSA \u00a0 Bogot\u00e1, D. C., veinte (20) de febrero de dos mil ...<br \/><div class=\"pt-cv-rmwrap\"><a href=\"https:\/\/www.dmsjuridica.com\/buscador_20179478954\/corteconstitucionalcronologico202454587\/t-145-03\/\" class=\"_self pt-cv-readmore btn btn-success\" target=\"_self\">Ver Sentencia Completa...<\/a><\/div><\/div><\/div><\/div>\n<div class=\"col-md-12 col-sm-12 col-xs-12 pt-cv-content-item pt-cv-1-col\" ><div class='pt-cv-ifield'><a href=\"https:\/\/www.dmsjuridica.com\/buscador_20179478954\/corteconstitucionalcronologico202454587\/t-144-03\/\" class=\"_self pt-cv-href-thumbnail pt-cv-thumb-default\" target=\"_self\" ><\/a>\n<div class=\"pt-cv-taxoterm above_title\"><a href='https:\/\/www.dmsjuridica.com\/buscador_20179478954\/corteconstitucionalcronologico202454587\/category\/buscar-en-toda-la-corte\/2003\/tutelas-2003\/' title='Tutelas 2003' class='pt-cv-tax-tutelas-2003'>Tutelas 2003<\/a><\/div>\n<h4 class=\"pt-cv-title\"><a href=\"https:\/\/www.dmsjuridica.com\/buscador_20179478954\/corteconstitucionalcronologico202454587\/t-144-03\/\" class=\"_self\" target=\"_self\" >T-144-03<\/a><\/h4>\n<div class=\"pt-cv-content\">\u00a0 \u00a0 Sentencia T-144\/03 \u00a0 \u00a0 DERECHO A LA PENSION DE SOBREVIVIENTES-Beneficiario no debe soportar la carga de la irresponsabilidad del empleador ni la ineficiencia de la administraci\u00f3n \u00a0 La Sala constata que entre el causante de la pensi\u00f3n y su empleador, el Municipio, existi\u00f3 una relaci\u00f3n laboral desde 1985 hasta 1999, fecha en que falleci\u00f3 el se\u00f1or. As\u00ed mismo, se observa que \u00e9ste estuvo afiliado al ISS desde 1996. Si se tiene que, con base en lo dispuesto por la Ley 100 de 1993, es obligaci\u00f3n del patrono afiliar al trabajador y efectuar autom\u00e1ticamente los descuentos por aportes de ...<br \/><div class=\"pt-cv-rmwrap\"><a href=\"https:\/\/www.dmsjuridica.com\/buscador_20179478954\/corteconstitucionalcronologico202454587\/t-144-03\/\" class=\"_self pt-cv-readmore btn btn-success\" target=\"_self\">Ver Sentencia Completa...<\/a><\/div><\/div><\/div><\/div>\n<div class=\"col-md-12 col-sm-12 col-xs-12 pt-cv-content-item pt-cv-1-col\" ><div class='pt-cv-ifield'><a href=\"https:\/\/www.dmsjuridica.com\/buscador_20179478954\/corteconstitucionalcronologico202454587\/t-143-03\/\" class=\"_self pt-cv-href-thumbnail pt-cv-thumb-default\" target=\"_self\" ><\/a>\n<div class=\"pt-cv-taxoterm above_title\"><a href='https:\/\/www.dmsjuridica.com\/buscador_20179478954\/corteconstitucionalcronologico202454587\/category\/buscar-en-toda-la-corte\/2003\/tutelas-2003\/' title='Tutelas 2003' class='pt-cv-tax-tutelas-2003'>Tutelas 2003<\/a><\/div>\n<h4 class=\"pt-cv-title\"><a href=\"https:\/\/www.dmsjuridica.com\/buscador_20179478954\/corteconstitucionalcronologico202454587\/t-143-03\/\" class=\"_self\" target=\"_self\" >T-143-03<\/a><\/h4>\n<div class=\"pt-cv-content\">\u00a0 \u00a0 Sentencia T-143\/03 \u00a0 ACCION DE TUTELA Y ACCION CONTENCIOSO ADMINISTRATIVA-Improcedencia para controvertir sanci\u00f3n disciplinaria \u00a0 ACCION DE TUTELA CONTRA ACTO ADMINISTRATIVO-Improcedencia como mecanismo transitorio\/MEDIO DE DEFENSA JUDICIAL-Nulidad de acto administrativo \u00a0 PERJUICIO IRREMEDIABLE-Elementos \u00a0 ACCION DE TUTELA TRANSITORIA-Improcedencia por no configurarse los elementos del perjuicio irremediable \u00a0 PROCESO O SANCION DISCIPLINARIA-No constituye un perjuicio irremediable\/PROCESO O SANCION DISCIPLINARIA-No vulnera el buen nombre \u00a0 Referencia: expediente T-627783 \u00a0 Acci\u00f3n de tutela instaurada por Noralba Garc\u00eda Moreno contra el Instituto de Seguros Sociales. \u00a0 Magistrado Ponente: \u00a0 Dr. MANUEL JOSE CEPEDA ESPINOSA \u00a0 Bogot\u00e1, D. C., veinte (20) de febrero ...<br \/><div class=\"pt-cv-rmwrap\"><a href=\"https:\/\/www.dmsjuridica.com\/buscador_20179478954\/corteconstitucionalcronologico202454587\/t-143-03\/\" class=\"_self pt-cv-readmore btn btn-success\" target=\"_self\">Ver Sentencia Completa...<\/a><\/div><\/div><\/div><\/div>\n<div class=\"col-md-12 col-sm-12 col-xs-12 pt-cv-content-item pt-cv-1-col\" ><div class='pt-cv-ifield'><a href=\"https:\/\/www.dmsjuridica.com\/buscador_20179478954\/corteconstitucionalcronologico202454587\/t-142-03\/\" class=\"_self pt-cv-href-thumbnail pt-cv-thumb-default\" target=\"_self\" ><\/a>\n<div class=\"pt-cv-taxoterm above_title\"><a href='https:\/\/www.dmsjuridica.com\/buscador_20179478954\/corteconstitucionalcronologico202454587\/category\/buscar-en-toda-la-corte\/2003\/tutelas-2003\/' title='Tutelas 2003' class='pt-cv-tax-tutelas-2003'>Tutelas 2003<\/a><\/div>\n<h4 class=\"pt-cv-title\"><a href=\"https:\/\/www.dmsjuridica.com\/buscador_20179478954\/corteconstitucionalcronologico202454587\/t-142-03\/\" class=\"_self\" target=\"_self\" >T-142-03<\/a><\/h4>\n<div class=\"pt-cv-content\">\u00a0 \u00a0 Sentencia T-142\/03 \u00a0 ACCION DE TUTELA-Procedencia excepcional pago de salarios y mesadas pensionales por afectaci\u00f3n del m\u00ednimo vital \u00a0 DERECHO AL MINIMO VITAL DEL PENSIONADO-Presunci\u00f3n de afectaci\u00f3n por no pago oportuno de mesadas \u00a0 DERECHO A LA SEGURIDAD SOCIAL DE PERSONA DE LA TERCERA EDAD-Fundamental por afectaci\u00f3n del m\u00ednimo vital de pensionado \u00a0 \u00a0 Reiteraci\u00f3n de Jurisprudencia \u00a0 Referencia: expedientes T-639586, T-681491, T-681554, T-681556, T-681560 y T-681565 \u00a0 Acciones de tutela instauradas por Mar\u00eda Isabel Romero de Amezquita, Aracelly Morera de C\u00e1rdenas, Mar\u00eda Carmen Sof\u00eda Gonz\u00e1lez de Carranza, Dionicia Arango Ocampo, Agust\u00edn Pe\u00f1a y Mario Mu\u00f1oz Buitrago contra ...<br \/><div class=\"pt-cv-rmwrap\"><a href=\"https:\/\/www.dmsjuridica.com\/buscador_20179478954\/corteconstitucionalcronologico202454587\/t-142-03\/\" class=\"_self pt-cv-readmore btn btn-success\" target=\"_self\">Ver Sentencia Completa...<\/a><\/div><\/div><\/div><\/div>\n<div class=\"col-md-12 col-sm-12 col-xs-12 pt-cv-content-item pt-cv-1-col\" ><div class='pt-cv-ifield'><a href=\"https:\/\/www.dmsjuridica.com\/buscador_20179478954\/corteconstitucionalcronologico202454587\/t-141-03\/\" class=\"_self pt-cv-href-thumbnail pt-cv-thumb-default\" target=\"_self\" ><\/a>\n<div class=\"pt-cv-taxoterm above_title\"><a href='https:\/\/www.dmsjuridica.com\/buscador_20179478954\/corteconstitucionalcronologico202454587\/category\/buscar-en-toda-la-corte\/2003\/tutelas-2003\/' title='Tutelas 2003' class='pt-cv-tax-tutelas-2003'>Tutelas 2003<\/a><\/div>\n<h4 class=\"pt-cv-title\"><a href=\"https:\/\/www.dmsjuridica.com\/buscador_20179478954\/corteconstitucionalcronologico202454587\/t-141-03\/\" class=\"_self\" target=\"_self\" >T-141-03<\/a><\/h4>\n<div class=\"pt-cv-content\">\u00a0 \u00a0 \u00a0 \u00a0 Sentencia T-141\/03 \u00a0 ENTIDAD BANCARIA-Es un servicio p\u00fablico \u00a0 ENTIDAD BANCARIA-Posici\u00f3n dominante \u00a0 ENTIDAD FINANCIERA-Modificaci\u00f3n unilateral reliquidaci\u00f3n cr\u00e9dito hipotecario \u00a0 El Banco Granahorrar al obrar en la forma que queda descrita vulner\u00f3 los derechos del actor, como quiera que por su propia decisi\u00f3n modific\u00f3 en forma unilateral la reliquidaci\u00f3n del cr\u00e9dito hipotecario, cuando ten\u00eda a su disposici\u00f3n otros medios para el efecto. Es claro que en virtud de esa relaci\u00f3n contractual entre acreedor y deudor, con la anuencia de \u00e9ste, podr\u00eda haberse convenido una reliquidaci\u00f3n del cr\u00e9dito a propuesta del acreedor si consideraba que en la ...<br \/><div class=\"pt-cv-rmwrap\"><a href=\"https:\/\/www.dmsjuridica.com\/buscador_20179478954\/corteconstitucionalcronologico202454587\/t-141-03\/\" class=\"_self pt-cv-readmore btn btn-success\" target=\"_self\">Ver Sentencia Completa...<\/a><\/div><\/div><\/div><\/div>\n<div class=\"col-md-12 col-sm-12 col-xs-12 pt-cv-content-item pt-cv-1-col\" ><div class='pt-cv-ifield'><a href=\"https:\/\/www.dmsjuridica.com\/buscador_20179478954\/corteconstitucionalcronologico202454587\/t-139-03\/\" class=\"_self pt-cv-href-thumbnail pt-cv-thumb-default\" target=\"_self\" ><\/a>\n<div class=\"pt-cv-taxoterm above_title\"><a href='https:\/\/www.dmsjuridica.com\/buscador_20179478954\/corteconstitucionalcronologico202454587\/category\/buscar-en-toda-la-corte\/2003\/tutelas-2003\/' title='Tutelas 2003' class='pt-cv-tax-tutelas-2003'>Tutelas 2003<\/a><\/div>\n<h4 class=\"pt-cv-title\"><a href=\"https:\/\/www.dmsjuridica.com\/buscador_20179478954\/corteconstitucionalcronologico202454587\/t-139-03\/\" class=\"_self\" target=\"_self\" >T-139-03<\/a><\/h4>\n<div class=\"pt-cv-content\">\u00a0 \u00a0 \u00a0\u00a0 \u00a0 \u00a0 \u00a0 \u00a0 \u00a0 \u00a0 \u00a0 \u00a0 \u00a0 \u00a0 \u00a0 \u00a0 \u00a0 \u00a0 \u00a0 \u00a0 \u00a0 \u00a0 \u00a0 \u00a0 \u00a0 \u00a0 \u00a0 \u00a0 \u00a0 \u00a0 \u00a0 \u00a0 \u00a0 \u00a0 \u00a0 \u00a0 \u00a0 \u00a0 \u00a0 \u00a0 \u00a0 \u00a0 \u00a0 \u00a0 \u00a0 \u00a0 \u00a0 \u00a0 \u00a0 \u00a0 \u00a0 \u00a0 \u00a0 \u00a0 \u00a0 \u00a0 \u00a0 \u00a0 \u00a0 \u00a0 \u00a0 \u00a0 \u00a0 \u00a0 \u00a0 \u00a0 \u00a0 \u00a0 \u00a0 \u00a0 \u00a0 \u00a0 \u00a0 \u00a0 \u00a0 \u00a0 \u00a0 \u00a0 \u00a0 \u00a0 \u00a0 \u00a0 \u00a0 \u00a0 \u00a0 \u00a0 \u00a0 \u00a0 \u00a0 \u00a0 \u00a0 \u00a0 \u00a0 \u00a0 \u00a0 \u00a0 \u00a0 \u00a0 \u00a0 \u00a0 \u00a0 ...<br \/><div class=\"pt-cv-rmwrap\"><a href=\"https:\/\/www.dmsjuridica.com\/buscador_20179478954\/corteconstitucionalcronologico202454587\/t-139-03\/\" class=\"_self pt-cv-readmore btn btn-success\" target=\"_self\">Ver Sentencia Completa...<\/a><\/div><\/div><\/div><\/div>\n<div class=\"col-md-12 col-sm-12 col-xs-12 pt-cv-content-item pt-cv-1-col\" ><div class='pt-cv-ifield'><a href=\"https:\/\/www.dmsjuridica.com\/buscador_20179478954\/corteconstitucionalcronologico202454587\/t-138-03\/\" class=\"_self pt-cv-href-thumbnail pt-cv-thumb-default\" target=\"_self\" ><\/a>\n<div class=\"pt-cv-taxoterm above_title\"><a href='https:\/\/www.dmsjuridica.com\/buscador_20179478954\/corteconstitucionalcronologico202454587\/category\/buscar-en-toda-la-corte\/2003\/tutelas-2003\/' title='Tutelas 2003' class='pt-cv-tax-tutelas-2003'>Tutelas 2003<\/a><\/div>\n<h4 class=\"pt-cv-title\"><a href=\"https:\/\/www.dmsjuridica.com\/buscador_20179478954\/corteconstitucionalcronologico202454587\/t-138-03\/\" class=\"_self\" target=\"_self\" >T-138-03<\/a><\/h4>\n<div class=\"pt-cv-content\">\u00a0 \u00a0 \u00a0\u00a0 \u00a0 \u00a0 \u00a0 \u00a0 \u00a0 \u00a0 \u00a0 \u00a0 \u00a0 \u00a0 \u00a0 \u00a0 \u00a0 \u00a0 \u00a0 \u00a0 \u00a0 \u00a0 \u00a0 \u00a0 \u00a0 \u00a0 \u00a0 \u00a0 \u00a0 \u00a0 \u00a0 \u00a0 \u00a0 \u00a0 \u00a0 \u00a0 \u00a0 \u00a0 \u00a0 \u00a0 \u00a0 \u00a0 \u00a0 \u00a0 \u00a0 \u00a0 \u00a0 \u00a0 \u00a0 \u00a0 \u00a0 \u00a0 \u00a0 \u00a0 \u00a0 \u00a0 \u00a0 \u00a0 \u00a0 \u00a0 \u00a0 \u00a0 \u00a0 \u00a0 \u00a0 \u00a0 \u00a0 \u00a0 \u00a0 \u00a0 \u00a0 \u00a0 \u00a0 \u00a0 \u00a0 \u00a0 \u00a0\u00a0 \u00a0 Sentencia T-138\/03 \u00a0 ADULTO CON RETRASO MENTAL-Protecci\u00f3n\/PRINCIPIO DE CONTINUIDAD EN EL SERVICIO DE SALUD-Requisitos para que no se interrumpa \u00a0 Esta Corte ha ...<br \/><div class=\"pt-cv-rmwrap\"><a href=\"https:\/\/www.dmsjuridica.com\/buscador_20179478954\/corteconstitucionalcronologico202454587\/t-138-03\/\" class=\"_self pt-cv-readmore btn btn-success\" target=\"_self\">Ver Sentencia Completa...<\/a><\/div><\/div><\/div><\/div>\n<div class=\"col-md-12 col-sm-12 col-xs-12 pt-cv-content-item pt-cv-1-col\" ><div class='pt-cv-ifield'><a href=\"https:\/\/www.dmsjuridica.com\/buscador_20179478954\/corteconstitucionalcronologico202454587\/t-137-03\/\" class=\"_self pt-cv-href-thumbnail pt-cv-thumb-default\" target=\"_self\" ><\/a>\n<div class=\"pt-cv-taxoterm above_title\"><a href='https:\/\/www.dmsjuridica.com\/buscador_20179478954\/corteconstitucionalcronologico202454587\/category\/buscar-en-toda-la-corte\/2003\/tutelas-2003\/' title='Tutelas 2003' class='pt-cv-tax-tutelas-2003'>Tutelas 2003<\/a><\/div>\n<h4 class=\"pt-cv-title\"><a href=\"https:\/\/www.dmsjuridica.com\/buscador_20179478954\/corteconstitucionalcronologico202454587\/t-137-03\/\" class=\"_self\" target=\"_self\" >T-137-03<\/a><\/h4>\n<div class=\"pt-cv-content\">\u00a0 \u00a0 Sentencia T-137\/03 \u00a0 DERECHO A LA SALUD DEL MENOR \u00a0 DERECHO A LA VIDA DIGNA-Tratamiento y cuidados de paciente menor \u00a0 DERECHO A LA SALUD-Condiciones para realizaci\u00f3n de tratamiento excluido del POS\/PLAN OBLIGATORIO DE SALUD-Realizaci\u00f3n de examen para completar diagn\u00f3stico\/DERECHO A LA SALUD-Incorpora el derecho al diagn\u00f3stico \u00a0 DERECHO A LA SALUD DEL NI\u00d1O-Pr\u00e1ctica de examen excluido del POS \u00a0 ENTIDAD PROMOTORA DE SALUD-Repetici\u00f3n contra el Fosyga \u00a0 Reiteraci\u00f3n de Jurisprudencia \u00a0 Referencia: expediente T-656939 \u00a0 Acci\u00f3n de tutela instaurada por Ram\u00f3n Antonio Berm\u00fadez Gonz\u00e1lez contra Saludcoop OC E.P.S. Seccional Armenia.\u00a0 \u00a0 Magistrado Ponente: \u00a0 Dr. JAIME C\u00d3RDOBA ...<br \/><div class=\"pt-cv-rmwrap\"><a href=\"https:\/\/www.dmsjuridica.com\/buscador_20179478954\/corteconstitucionalcronologico202454587\/t-137-03\/\" class=\"_self pt-cv-readmore btn btn-success\" target=\"_self\">Ver Sentencia Completa...<\/a><\/div><\/div><\/div><\/div>\n<div class=\"col-md-12 col-sm-12 col-xs-12 pt-cv-content-item pt-cv-1-col\" ><div class='pt-cv-ifield'><a href=\"https:\/\/www.dmsjuridica.com\/buscador_20179478954\/corteconstitucionalcronologico202454587\/t-136-03\/\" class=\"_self pt-cv-href-thumbnail pt-cv-thumb-default\" target=\"_self\" ><\/a>\n<div class=\"pt-cv-taxoterm above_title\"><a href='https:\/\/www.dmsjuridica.com\/buscador_20179478954\/corteconstitucionalcronologico202454587\/category\/buscar-en-toda-la-corte\/2003\/tutelas-2003\/' title='Tutelas 2003' class='pt-cv-tax-tutelas-2003'>Tutelas 2003<\/a><\/div>\n<h4 class=\"pt-cv-title\"><a href=\"https:\/\/www.dmsjuridica.com\/buscador_20179478954\/corteconstitucionalcronologico202454587\/t-136-03\/\" class=\"_self\" target=\"_self\" >T-136-03<\/a><\/h4>\n<div class=\"pt-cv-content\">\u00a0 \u00a0 Sentencia T-136\/03 \u00a0 ARBITRAMENTO-Bases constitucionales \u00a0 PACTO ARBITRAL-Concepto \u00a0 LAUDO ARBITRAL-Nulidad \u00a0 RECURSO DE ANULACI\u00d3N-L\u00edmite de las facultades del Juez \u00a0 Las facultades del juez que conoce del recurso de anulaci\u00f3n se limitan a la verificaci\u00f3n de las causales de nulidad invocadas por el actor, causales que han sido consagradas por el legislador y que son de interpretaci\u00f3n restrictiva. \u00a0No se trata, entonces, de una nueva oportunidad para revivir el debate planteado ante el tribunal de arbitramiento pues al juez ordinario o contencioso le est\u00e1 vedado pronunciarse sobre el fondo del litigio conocido por aqu\u00e9l. \u00a0Por ello, la ...<br \/><div class=\"pt-cv-rmwrap\"><a href=\"https:\/\/www.dmsjuridica.com\/buscador_20179478954\/corteconstitucionalcronologico202454587\/t-136-03\/\" class=\"_self pt-cv-readmore btn btn-success\" target=\"_self\">Ver Sentencia Completa...<\/a><\/div><\/div><\/div><\/div>\n<div class=\"col-md-12 col-sm-12 col-xs-12 pt-cv-content-item pt-cv-1-col\" ><div class='pt-cv-ifield'><a href=\"https:\/\/www.dmsjuridica.com\/buscador_20179478954\/corteconstitucionalcronologico202454587\/t-135-03\/\" class=\"_self pt-cv-href-thumbnail pt-cv-thumb-default\" target=\"_self\" ><\/a>\n<div class=\"pt-cv-taxoterm above_title\"><a href='https:\/\/www.dmsjuridica.com\/buscador_20179478954\/corteconstitucionalcronologico202454587\/category\/buscar-en-toda-la-corte\/2003\/tutelas-2003\/' title='Tutelas 2003' class='pt-cv-tax-tutelas-2003'>Tutelas 2003<\/a><\/div>\n<h4 class=\"pt-cv-title\"><a href=\"https:\/\/www.dmsjuridica.com\/buscador_20179478954\/corteconstitucionalcronologico202454587\/t-135-03\/\" class=\"_self\" target=\"_self\" >T-135-03<\/a><\/h4>\n<div class=\"pt-cv-content\">\u00a0 \u00a0 Sentencia T-135\/03 \u00a0 PRINCIPIO DE LA BUENA FE EN CONCURSO DE MERITOS-Vulneraci\u00f3n por no nombramiento de quien obtuvo el primer puesto\/DERECHOS ADQUIRIDOS-No nombramiento de quien obtuvo el primer puesto \u00a0 CONCURSO DE MERITOS-Derecho a ocupar cargo si exist\u00eda calificaci\u00f3n en firme para fecha de ejecutoria de sentencia de inconstitucionalidad \u00a0 MEDIO DE DEFENSA JUDICIAL INEFICAZ-Nombramiento de quien obtuvo el primer puesto \u00a0 Reiteraci\u00f3n de Jurisprudencia \u00a0 Referencia: expediente T-649651 \u00a0 Acci\u00f3n de tutela instaurada por Sonia Magalie L\u00f3pez Luna contra la Corporaci\u00f3n Aut\u00f3noma Regional de Cundinamarca C.A.R.. \u00a0 Magistrado Ponente: \u00a0 Dr. EDUARDO MONTEALEGRE LYNETT \u00a0 Bogot\u00e1, D ...<br \/><div class=\"pt-cv-rmwrap\"><a href=\"https:\/\/www.dmsjuridica.com\/buscador_20179478954\/corteconstitucionalcronologico202454587\/t-135-03\/\" class=\"_self pt-cv-readmore btn btn-success\" target=\"_self\">Ver Sentencia Completa...<\/a><\/div><\/div><\/div><\/div>\n<div class=\"col-md-12 col-sm-12 col-xs-12 pt-cv-content-item pt-cv-1-col\" ><div class='pt-cv-ifield'><a href=\"https:\/\/www.dmsjuridica.com\/buscador_20179478954\/corteconstitucionalcronologico202454587\/t-134-03\/\" class=\"_self pt-cv-href-thumbnail pt-cv-thumb-default\" target=\"_self\" ><\/a>\n<div class=\"pt-cv-taxoterm above_title\"><a href='https:\/\/www.dmsjuridica.com\/buscador_20179478954\/corteconstitucionalcronologico202454587\/category\/buscar-en-toda-la-corte\/2003\/tutelas-2003\/' title='Tutelas 2003' class='pt-cv-tax-tutelas-2003'>Tutelas 2003<\/a><\/div>\n<h4 class=\"pt-cv-title\"><a href=\"https:\/\/www.dmsjuridica.com\/buscador_20179478954\/corteconstitucionalcronologico202454587\/t-134-03\/\" class=\"_self\" target=\"_self\" >T-134-03<\/a><\/h4>\n<div class=\"pt-cv-content\">\u00a0 \u00a0 Sentencia T-134\/03 \u00a0 SERVICIO DE ENERGIA-Limitaci\u00f3n del suministro a comercializadores y\/o distribuidores morosos\/EMPRESA COMERCIALIZADORA DE ENERGIA-Mora en el pago \u00a0 SERVICIO PUBLICO DE ENERGIA-Prestaci\u00f3n ininterrumpida a bienes constitucionalmente protegidos \u00a0 Existe un mandato constitucional claro en materia de protecci\u00f3n a ciertos bienes, como establecimientos de salud, centros penitenciarios, acueductos, establecimientos de seguridad terrestre y a\u00e9rea y centros educativos, principalmente. Puesto que de su correcto funcionamiento depende que el goce de los derechos fundamentales, garantizado por la Carta, \u00a0sea real y efectivo. No resulta constitucionalmente admisible superponer el inter\u00e9s econ\u00f3mico de las empresas prestadoras del servicio de energ\u00eda en ...<br \/><div class=\"pt-cv-rmwrap\"><a href=\"https:\/\/www.dmsjuridica.com\/buscador_20179478954\/corteconstitucionalcronologico202454587\/t-134-03\/\" class=\"_self pt-cv-readmore btn btn-success\" target=\"_self\">Ver Sentencia Completa...<\/a><\/div><\/div><\/div><\/div>\n<div class=\"col-md-12 col-sm-12 col-xs-12 pt-cv-content-item pt-cv-1-col\" ><div class='pt-cv-ifield'><a href=\"https:\/\/www.dmsjuridica.com\/buscador_20179478954\/corteconstitucionalcronologico202454587\/t-133-03\/\" class=\"_self pt-cv-href-thumbnail pt-cv-thumb-default\" target=\"_self\" ><\/a>\n<div class=\"pt-cv-taxoterm above_title\"><a href='https:\/\/www.dmsjuridica.com\/buscador_20179478954\/corteconstitucionalcronologico202454587\/category\/buscar-en-toda-la-corte\/2003\/tutelas-2003\/' title='Tutelas 2003' class='pt-cv-tax-tutelas-2003'>Tutelas 2003<\/a><\/div>\n<h4 class=\"pt-cv-title\"><a href=\"https:\/\/www.dmsjuridica.com\/buscador_20179478954\/corteconstitucionalcronologico202454587\/t-133-03\/\" class=\"_self\" target=\"_self\" >T-133-03<\/a><\/h4>\n<div class=\"pt-cv-content\">\u00a0 \u00a0 Sentencia T-133\/03 \u00a0 INAPLICACION DE NORMAS DEL PLAN OBLIGATORIO DE SALUD-Casos en que procede por exclusi\u00f3n de tratamientos y medicamentos de alto costo \u00a0 DERECHO A LA SALUD-No se pueden oponer periodos m\u00ednimos de cotizaci\u00f3n ante situaciones de urgencia \u00a0 DERECHO A LA SALUD-Pr\u00e1ctica de cirug\u00eda sin cumplir periodo m\u00ednimo de cotizaci\u00f3n \u00a0 ACCION DE TUTELA-Carencia actual de objeto \u00a0 Reiteraci\u00f3n de Jurisprudencia \u00a0 Referencia: expediente T-662601 \u00a0 Acci\u00f3n de tutela interpuesta por Wvaldo Galindo Le\u00f3n contra Humana Vivir S.A. \u00a0 Magistrado Ponente: \u00a0 Dr. JAIME ARAUJO RENTER\u00cdA \u00a0 Bogot\u00e1, D. C., diecinueve (19) de febrero de dos ...<br \/><div class=\"pt-cv-rmwrap\"><a href=\"https:\/\/www.dmsjuridica.com\/buscador_20179478954\/corteconstitucionalcronologico202454587\/t-133-03\/\" class=\"_self pt-cv-readmore btn btn-success\" target=\"_self\">Ver Sentencia Completa...<\/a><\/div><\/div><\/div><\/div>\n<div class=\"col-md-12 col-sm-12 col-xs-12 pt-cv-content-item pt-cv-1-col\" ><div class='pt-cv-ifield'><a href=\"https:\/\/www.dmsjuridica.com\/buscador_20179478954\/corteconstitucionalcronologico202454587\/t-1233-03\/\" class=\"_self pt-cv-href-thumbnail pt-cv-thumb-default\" target=\"_self\" ><\/a>\n<div class=\"pt-cv-taxoterm above_title\"><a href='https:\/\/www.dmsjuridica.com\/buscador_20179478954\/corteconstitucionalcronologico202454587\/category\/buscar-en-toda-la-corte\/2003\/tutelas-2003\/' title='Tutelas 2003' class='pt-cv-tax-tutelas-2003'>Tutelas 2003<\/a><\/div>\n<h4 class=\"pt-cv-title\"><a href=\"https:\/\/www.dmsjuridica.com\/buscador_20179478954\/corteconstitucionalcronologico202454587\/t-1233-03\/\" class=\"_self\" target=\"_self\" >T-1233-03<\/a><\/h4>\n<div class=\"pt-cv-content\">\u00a0 \u00a0 Sentencia T-1233\/03 \u00a0 REGLAMENTO ESTUDIANTIL-Debe observar normas constitucionales \u00a0 Los reglamentos internos o manuales de convivencia elaborados por las comunidades de los planteles educativos tienen la obligaci\u00f3n de observar las disposiciones constitucionales. En efecto, el respeto al n\u00facleo esencial de los derechos fundamentales de los estudiantes no se disminuye como consecuencia de la facultad otorgada a los centros educativos para regular el comportamiento de sus alumnos. Por el contrario, las reglas que se establezcan deben reflejar el respeto a la dignidad humana y a la diversidad \u00e9tnica, cultural y social de la poblaci\u00f3n (art\u00edculo 1\u00ba), as\u00ed como los ...<br \/><div class=\"pt-cv-rmwrap\"><a href=\"https:\/\/www.dmsjuridica.com\/buscador_20179478954\/corteconstitucionalcronologico202454587\/t-1233-03\/\" class=\"_self pt-cv-readmore btn btn-success\" target=\"_self\">Ver Sentencia Completa...<\/a><\/div><\/div><\/div><\/div>\n<div class=\"col-md-12 col-sm-12 col-xs-12 pt-cv-content-item pt-cv-1-col\" ><div class='pt-cv-ifield'><a href=\"https:\/\/www.dmsjuridica.com\/buscador_20179478954\/corteconstitucionalcronologico202454587\/t-1232-03\/\" class=\"_self pt-cv-href-thumbnail pt-cv-thumb-default\" target=\"_self\" ><\/a>\n<div class=\"pt-cv-taxoterm above_title\"><a href='https:\/\/www.dmsjuridica.com\/buscador_20179478954\/corteconstitucionalcronologico202454587\/category\/buscar-en-toda-la-corte\/2003\/tutelas-2003\/' title='Tutelas 2003' class='pt-cv-tax-tutelas-2003'>Tutelas 2003<\/a><\/div>\n<h4 class=\"pt-cv-title\"><a href=\"https:\/\/www.dmsjuridica.com\/buscador_20179478954\/corteconstitucionalcronologico202454587\/t-1232-03\/\" class=\"_self\" target=\"_self\" >T-1232-03<\/a><\/h4>\n<div class=\"pt-cv-content\">\u00a0 \u00a0 Sentencia T- 1232\/03 \u00a0 Si por la v\u00eda del medio ordinario de defensa, y en los recursos en ella previstos, se aleg\u00f3 la vulneraci\u00f3n de un derecho fundamental, es v\u00e1lido aducir esos mismos hechos en la acci\u00f3n de tutela, al ser ellos, precisamente, los que dan cuenta de la violaci\u00f3n o amenaza de los derechos fundamentales. No puede aducirse como raz\u00f3n de la improcedencia de la tutela en estos casos, que como ya se analizaron y debatieron esos hechos en el procedimiento ordinario, no es posible volver a plantear esos mismos hechos. Por cuanto, lo que hace viable ...<br \/><div class=\"pt-cv-rmwrap\"><a href=\"https:\/\/www.dmsjuridica.com\/buscador_20179478954\/corteconstitucionalcronologico202454587\/t-1232-03\/\" class=\"_self pt-cv-readmore btn btn-success\" target=\"_self\">Ver Sentencia Completa...<\/a><\/div><\/div><\/div><\/div>\n<div class=\"col-md-12 col-sm-12 col-xs-12 pt-cv-content-item pt-cv-1-col\" ><div class='pt-cv-ifield'><a href=\"https:\/\/www.dmsjuridica.com\/buscador_20179478954\/corteconstitucionalcronologico202454587\/t-1230-03\/\" class=\"_self pt-cv-href-thumbnail pt-cv-thumb-default\" target=\"_self\" ><\/a>\n<div class=\"pt-cv-taxoterm above_title\"><a href='https:\/\/www.dmsjuridica.com\/buscador_20179478954\/corteconstitucionalcronologico202454587\/category\/buscar-en-toda-la-corte\/2003\/tutelas-2003\/' title='Tutelas 2003' class='pt-cv-tax-tutelas-2003'>Tutelas 2003<\/a><\/div>\n<h4 class=\"pt-cv-title\"><a href=\"https:\/\/www.dmsjuridica.com\/buscador_20179478954\/corteconstitucionalcronologico202454587\/t-1230-03\/\" class=\"_self\" target=\"_self\" >T-1230-03<\/a><\/h4>\n<div class=\"pt-cv-content\">\u00a0 \u00a0 Sentencia T-1230\/03 \u00a0 ADMINISTRADORA DEL REGIMEN SUBSIDIADO-Suministro de medicamento incluido en listado del POS a joven en circunstancias de debilidad manifiesta \u00a0 El \u00e1cido valproico aparece dentro de los medicamentos a que tienen derecho los afiliados al R\u00e9gimen subsidiado de salud, de conformidad con lo consultado en el \u00a0Acuerdo 228 de 2002. Por consiguiente, considera la Sala que en el caso objeto de revisi\u00f3n es procedente conceder la tutela, por cuanto se han vulnerado los derechos a la salud y a la seguridad social de la joven, en conexidad con los derechos a la vida digna y a ...<br \/><div class=\"pt-cv-rmwrap\"><a href=\"https:\/\/www.dmsjuridica.com\/buscador_20179478954\/corteconstitucionalcronologico202454587\/t-1230-03\/\" class=\"_self pt-cv-readmore btn btn-success\" target=\"_self\">Ver Sentencia Completa...<\/a><\/div><\/div><\/div><\/div>\n<div class=\"col-md-12 col-sm-12 col-xs-12 pt-cv-content-item pt-cv-1-col\" ><div class='pt-cv-ifield'><a href=\"https:\/\/www.dmsjuridica.com\/buscador_20179478954\/corteconstitucionalcronologico202454587\/t-1229-03\/\" class=\"_self pt-cv-href-thumbnail pt-cv-thumb-default\" target=\"_self\" ><\/a>\n<div class=\"pt-cv-taxoterm above_title\"><a href='https:\/\/www.dmsjuridica.com\/buscador_20179478954\/corteconstitucionalcronologico202454587\/category\/buscar-en-toda-la-corte\/2003\/tutelas-2003\/' title='Tutelas 2003' class='pt-cv-tax-tutelas-2003'>Tutelas 2003<\/a><\/div>\n<h4 class=\"pt-cv-title\"><a href=\"https:\/\/www.dmsjuridica.com\/buscador_20179478954\/corteconstitucionalcronologico202454587\/t-1229-03\/\" class=\"_self\" target=\"_self\" >T-1229-03<\/a><\/h4>\n<div class=\"pt-cv-content\">\u00a0 \u00a0 Sentencia T-1229\/03 \u00a0 SISTEMA DE RIESGOS PROFESIONALES-Naturaleza \u00a0 La Corte Constitucional se ha ocupado en reiteradas oportunidades, de se\u00f1alar que el Sistema de Riesgos Profesionales se estructura bajo la teor\u00eda del riesgo creado, en virtud de la cual se configura una responsabilidad objetiva por la que el empleador o la Administradora de Riesgos Profesionales que recibe un aporte de aquel, se obligan a reparar los perjuicios que sufre el trabajador al desarrollar su labor en actividades en las que el empresario obtiene un beneficio. Como se dijo, para que la Administradora de Riesgos Profesionales asuma tal responsabilidad, es ...<br \/><div class=\"pt-cv-rmwrap\"><a href=\"https:\/\/www.dmsjuridica.com\/buscador_20179478954\/corteconstitucionalcronologico202454587\/t-1229-03\/\" class=\"_self pt-cv-readmore btn btn-success\" target=\"_self\">Ver Sentencia Completa...<\/a><\/div><\/div><\/div><\/div>\n<div class=\"col-md-12 col-sm-12 col-xs-12 pt-cv-content-item pt-cv-1-col\" ><div class='pt-cv-ifield'><a href=\"https:\/\/www.dmsjuridica.com\/buscador_20179478954\/corteconstitucionalcronologico202454587\/t-1228-03\/\" class=\"_self pt-cv-href-thumbnail pt-cv-thumb-default\" target=\"_self\" ><\/a>\n<div class=\"pt-cv-taxoterm above_title\"><a href='https:\/\/www.dmsjuridica.com\/buscador_20179478954\/corteconstitucionalcronologico202454587\/category\/buscar-en-toda-la-corte\/2003\/tutelas-2003\/' title='Tutelas 2003' class='pt-cv-tax-tutelas-2003'>Tutelas 2003<\/a><\/div>\n<h4 class=\"pt-cv-title\"><a href=\"https:\/\/www.dmsjuridica.com\/buscador_20179478954\/corteconstitucionalcronologico202454587\/t-1228-03\/\" class=\"_self\" target=\"_self\" >T-1228-03<\/a><\/h4>\n<div class=\"pt-cv-content\">\u00a0 \u00a0 Sentencia T-1228\/03 \u00a0 ACCION DE TUTELA INTERPUESTA POR MINISTRO CONTRA ARBITRO-Improcedencia\/DEBIDO PROCESO DE LA NACION EN LAUDO ARBITRAL-No se present\u00f3 vulneraci\u00f3n \u00a0 La acci\u00f3n es improcedente, porque el ordenamiento cuenta con mecanismos adecuados para que las partes contradigan las decisiones arbitrales, que los apoderados de La Naci\u00f3n no utilizaron, y la acci\u00f3n de tutela no ha sido establecida para solventar la incuria procesal de las partes. El accionante y el Ministerio P\u00fablico pretenden revivir el conflicto resuelto por la \u00e1rbitro accionada - con sujeci\u00f3n a la ley -, con el argumento de que la posici\u00f3n defensiva propia - ...<br \/><div class=\"pt-cv-rmwrap\"><a href=\"https:\/\/www.dmsjuridica.com\/buscador_20179478954\/corteconstitucionalcronologico202454587\/t-1228-03\/\" class=\"_self pt-cv-readmore btn btn-success\" target=\"_self\">Ver Sentencia Completa...<\/a><\/div><\/div><\/div><\/div>\n<div class=\"col-md-12 col-sm-12 col-xs-12 pt-cv-content-item pt-cv-1-col\" ><div class='pt-cv-ifield'><a href=\"https:\/\/www.dmsjuridica.com\/buscador_20179478954\/corteconstitucionalcronologico202454587\/t-1227-03\/\" class=\"_self pt-cv-href-thumbnail pt-cv-thumb-default\" target=\"_self\" ><\/a>\n<div class=\"pt-cv-taxoterm above_title\"><a href='https:\/\/www.dmsjuridica.com\/buscador_20179478954\/corteconstitucionalcronologico202454587\/category\/buscar-en-toda-la-corte\/2003\/tutelas-2003\/' title='Tutelas 2003' class='pt-cv-tax-tutelas-2003'>Tutelas 2003<\/a><\/div>\n<h4 class=\"pt-cv-title\"><a href=\"https:\/\/www.dmsjuridica.com\/buscador_20179478954\/corteconstitucionalcronologico202454587\/t-1227-03\/\" class=\"_self\" target=\"_self\" >T-1227-03<\/a><\/h4>\n<div class=\"pt-cv-content\">\u00a0 \u00a0 Sentencia T-1227\/03 \u00a0 LEGITIMACION POR ACTIVA EN TUTELA-Estudiantes demandantes no son titulares de unos derechos pero s\u00ed lo son de otros derechos \u00a0 En cuanto a los derechos que el estudiante de la citada Universidad, as\u00ed como los dem\u00e1s estudiantes que figuran como coadyuvantes, dicen vulnerados, la Corte estima, en primer lugar, que ellos no son titulares, en este caso, de los derechos de elegir y ser elegidos, pues, la designaci\u00f3n del Rector no se realiza mediante elecci\u00f3n por los estudiantes, sino a trav\u00e9s de nombramiento por parte del Consejo Superior, por tanto, mal puede est\u00e1rsele vulnerando sus ...<br \/><div class=\"pt-cv-rmwrap\"><a href=\"https:\/\/www.dmsjuridica.com\/buscador_20179478954\/corteconstitucionalcronologico202454587\/t-1227-03\/\" class=\"_self pt-cv-readmore btn btn-success\" target=\"_self\">Ver Sentencia Completa...<\/a><\/div><\/div><\/div><\/div>\n<div class=\"col-md-12 col-sm-12 col-xs-12 pt-cv-content-item pt-cv-1-col\" ><div class='pt-cv-ifield'><a href=\"https:\/\/www.dmsjuridica.com\/buscador_20179478954\/corteconstitucionalcronologico202454587\/t-1226-03\/\" class=\"_self pt-cv-href-thumbnail pt-cv-thumb-default\" target=\"_self\" ><\/a>\n<div class=\"pt-cv-taxoterm above_title\"><a href='https:\/\/www.dmsjuridica.com\/buscador_20179478954\/corteconstitucionalcronologico202454587\/category\/buscar-en-toda-la-corte\/2003\/tutelas-2003\/' title='Tutelas 2003' class='pt-cv-tax-tutelas-2003'>Tutelas 2003<\/a><\/div>\n<h4 class=\"pt-cv-title\"><a href=\"https:\/\/www.dmsjuridica.com\/buscador_20179478954\/corteconstitucionalcronologico202454587\/t-1226-03\/\" class=\"_self\" target=\"_self\" >T-1226-03<\/a><\/h4>\n<div class=\"pt-cv-content\">\u00a0 \u00a0 Sentencia T-1226\/03 \u00a0 DERECHO A LA SALUD-Persona inscrita en el SISBEN que solicita afiliaci\u00f3n al R\u00e9gimen Subsidiado \u00a0 SERVICIO PUBLICO DE SALUD-Trato preferencial a personas pobres y discapacitadas \u00a0 La situaci\u00f3n de la persona pobre y, a\u00fan m\u00e1s si ella sufre discapacidad f\u00edsica o mental, no fue indiferente al constituyente de 1991, no lo es en la jurisprudencia constitucional y no lo debe ser para la administraci\u00f3n. Ello porque el art\u00edculo 13 de la Constituci\u00f3n otorga un trato especial o preferencial a la persona en circunstancias de debilidad manifiesta por su condici\u00f3n econ\u00f3mica, f\u00edsica o mental, mientras que ...<br \/><div class=\"pt-cv-rmwrap\"><a href=\"https:\/\/www.dmsjuridica.com\/buscador_20179478954\/corteconstitucionalcronologico202454587\/t-1226-03\/\" class=\"_self pt-cv-readmore btn btn-success\" target=\"_self\">Ver Sentencia Completa...<\/a><\/div><\/div><\/div><\/div>\n<div class=\"col-md-12 col-sm-12 col-xs-12 pt-cv-content-item pt-cv-1-col\" ><div class='pt-cv-ifield'><a href=\"https:\/\/www.dmsjuridica.com\/buscador_20179478954\/corteconstitucionalcronologico202454587\/t-1225-03\/\" class=\"_self pt-cv-href-thumbnail pt-cv-thumb-default\" target=\"_self\" ><\/a>\n<div class=\"pt-cv-taxoterm above_title\"><a href='https:\/\/www.dmsjuridica.com\/buscador_20179478954\/corteconstitucionalcronologico202454587\/category\/buscar-en-toda-la-corte\/2003\/tutelas-2003\/' title='Tutelas 2003' class='pt-cv-tax-tutelas-2003'>Tutelas 2003<\/a><\/div>\n<h4 class=\"pt-cv-title\"><a href=\"https:\/\/www.dmsjuridica.com\/buscador_20179478954\/corteconstitucionalcronologico202454587\/t-1225-03\/\" class=\"_self\" target=\"_self\" >T-1225-03<\/a><\/h4>\n<div class=\"pt-cv-content\">\u00a0 \u00a0 Sentencia T-1225\/03 \u00a0 MEDIOS DE COMUNICACION-Utilizaci\u00f3n del lenguaje\/MEDIOS DE COMUNICACION-Utilizaci\u00f3n de lenguaje jur\u00eddico \u00a0 En cuanto al uso inadecuado del lenguaje t\u00e9cnico la Corte considera que los medios de comunicaci\u00f3n transmiten informaci\u00f3n veraz e imparcial, lo cual excluye, entre otras prohibiciones, el uso del lenguaje con el \u00e1nimo de da\u00f1ar a la persona, lo cual no abarca el mandato de usar un lenguaje t\u00e9cnico preciso como si fueran especialistas en la materia de la cual informan. Ello porque tal par\u00e1metro impondr\u00eda una carga desproporcionada al medio de comunicaci\u00f3n al tener que disponer de profesionales o especialistas en cada ...<br \/><div class=\"pt-cv-rmwrap\"><a href=\"https:\/\/www.dmsjuridica.com\/buscador_20179478954\/corteconstitucionalcronologico202454587\/t-1225-03\/\" class=\"_self pt-cv-readmore btn btn-success\" target=\"_self\">Ver Sentencia Completa...<\/a><\/div><\/div><\/div><\/div>\n<div class=\"col-md-12 col-sm-12 col-xs-12 pt-cv-content-item pt-cv-1-col\" ><div class='pt-cv-ifield'><a href=\"https:\/\/www.dmsjuridica.com\/buscador_20179478954\/corteconstitucionalcronologico202454587\/t-1224-03\/\" class=\"_self pt-cv-href-thumbnail pt-cv-thumb-default\" target=\"_self\" ><\/a>\n<div class=\"pt-cv-taxoterm above_title\"><a href='https:\/\/www.dmsjuridica.com\/buscador_20179478954\/corteconstitucionalcronologico202454587\/category\/buscar-en-toda-la-corte\/2003\/tutelas-2003\/' title='Tutelas 2003' class='pt-cv-tax-tutelas-2003'>Tutelas 2003<\/a><\/div>\n<h4 class=\"pt-cv-title\"><a href=\"https:\/\/www.dmsjuridica.com\/buscador_20179478954\/corteconstitucionalcronologico202454587\/t-1224-03\/\" class=\"_self\" target=\"_self\" >T-1224-03<\/a><\/h4>\n<div class=\"pt-cv-content\">\u00a0 \u00a0 Sentencia T-1224\/03 \u00a0 PROGRAMA DE REINCORPORACION A LA VIDA CIVIL DE PERSONA Y GRUPOS AL MARGEN DE LA LEY-Ausencia de criterios objetivos que permiten adecuada asignaci\u00f3n de recursos \u00a0 POBLACION DESMOVILIZADA-Fundamento de beneficios econ\u00f3micos \u00a0 DESMOVILIZADOS Y PRINCIPIO DE LA CONFIANZA LEGITIMA-Vulneraci\u00f3n \u00a0 Se ponen en evidencia una inconsistencia administrativa que en lo que al caso ata\u00f1e impide establecer con claridad la omisi\u00f3n enrostrada a la entidad accionada, pues en estas condiciones resulta imposible determinar en detalle cu\u00e1les son los compromisos supuestamente incumplidos por aquella. De cualquier modo, escapa a la competencia del juez de tutela se\u00f1alar cu\u00e1les ...<br \/><div class=\"pt-cv-rmwrap\"><a href=\"https:\/\/www.dmsjuridica.com\/buscador_20179478954\/corteconstitucionalcronologico202454587\/t-1224-03\/\" class=\"_self pt-cv-readmore btn btn-success\" target=\"_self\">Ver Sentencia Completa...<\/a><\/div><\/div><\/div><\/div>\n<div class=\"col-md-12 col-sm-12 col-xs-12 pt-cv-content-item pt-cv-1-col\" ><div class='pt-cv-ifield'><a href=\"https:\/\/www.dmsjuridica.com\/buscador_20179478954\/corteconstitucionalcronologico202454587\/t-1223-03\/\" class=\"_self pt-cv-href-thumbnail pt-cv-thumb-default\" target=\"_self\" ><\/a>\n<div class=\"pt-cv-taxoterm above_title\"><a href='https:\/\/www.dmsjuridica.com\/buscador_20179478954\/corteconstitucionalcronologico202454587\/category\/buscar-en-toda-la-corte\/2003\/tutelas-2003\/' title='Tutelas 2003' class='pt-cv-tax-tutelas-2003'>Tutelas 2003<\/a><\/div>\n<h4 class=\"pt-cv-title\"><a href=\"https:\/\/www.dmsjuridica.com\/buscador_20179478954\/corteconstitucionalcronologico202454587\/t-1223-03\/\" class=\"_self\" target=\"_self\" >T-1223-03<\/a><\/h4>\n<div class=\"pt-cv-content\">\u00a0 \u00a0 Sentencia T-1223\/03 \u00a0 ACCION DE TUTELA-Procedencia excepcional pago de acreencias laborales \u00a0 PENSION COMPARTIDA-Existe obligaci\u00f3n del empleador s\u00f3lo de pagar el monto que exceda al valor de pensi\u00f3n reconocida por el ISS \u00a0 No es aceptable que una persona a quien le fue reconocida una pensi\u00f3n de jubilaci\u00f3n por parte de su empleador, pretenda conservar intacto dicho beneficio, cuando llegado el momento el Seguro Social le ha reconocido la pensi\u00f3n de vejez, exigiendo igualmente el pago completo de esta \u00faltima prestaci\u00f3n. Efectivamente, como ya se indic\u00f3, subsistir\u00e1 la obligaci\u00f3n del empleador en pagar la pensi\u00f3n por \u00e9l reconocida, ...<br \/><div class=\"pt-cv-rmwrap\"><a href=\"https:\/\/www.dmsjuridica.com\/buscador_20179478954\/corteconstitucionalcronologico202454587\/t-1223-03\/\" class=\"_self pt-cv-readmore btn btn-success\" target=\"_self\">Ver Sentencia Completa...<\/a><\/div><\/div><\/div><\/div>\n<div class=\"col-md-12 col-sm-12 col-xs-12 pt-cv-content-item pt-cv-1-col\" ><div class='pt-cv-ifield'><a href=\"https:\/\/www.dmsjuridica.com\/buscador_20179478954\/corteconstitucionalcronologico202454587\/t-1222-03\/\" class=\"_self pt-cv-href-thumbnail pt-cv-thumb-default\" target=\"_self\" ><\/a>\n<div class=\"pt-cv-taxoterm above_title\"><a href='https:\/\/www.dmsjuridica.com\/buscador_20179478954\/corteconstitucionalcronologico202454587\/category\/buscar-en-toda-la-corte\/2003\/tutelas-2003\/' title='Tutelas 2003' class='pt-cv-tax-tutelas-2003'>Tutelas 2003<\/a><\/div>\n<h4 class=\"pt-cv-title\"><a href=\"https:\/\/www.dmsjuridica.com\/buscador_20179478954\/corteconstitucionalcronologico202454587\/t-1222-03\/\" class=\"_self\" target=\"_self\" >T-1222-03<\/a><\/h4>\n<div class=\"pt-cv-content\">\u00a0 \u00a0 Sentencia T-1222\/03 \u00a0 ACCION DE TUTELA TEMERARIA-Inexistencia por existir hechos nuevos \u00a0 No existe actitud temeraria por parte del accionante en la presentaci\u00f3n de esta tutela, no obstante que en el escrito de demanda y de buena fe, el demandante aclara que efectivamente ya hab\u00eda interpuesto otra acci\u00f3n de tutela contra el Municipio de Monter\u00eda, pero para el tr\u00e1mite de \u00e9sta tutela, incorpora hechos o circunstancias nuevas que desvirt\u00faan la posible temeridad. Conforme aparece acreditado en el expediente, con posterioridad a la sentencia del Consejo de Estado, e incluso al primer fallo de tutela que buscaba su cumplimiento, ...<br \/><div class=\"pt-cv-rmwrap\"><a href=\"https:\/\/www.dmsjuridica.com\/buscador_20179478954\/corteconstitucionalcronologico202454587\/t-1222-03\/\" class=\"_self pt-cv-readmore btn btn-success\" target=\"_self\">Ver Sentencia Completa...<\/a><\/div><\/div><\/div><\/div>\n<div class=\"col-md-12 col-sm-12 col-xs-12 pt-cv-content-item pt-cv-1-col\" ><div class='pt-cv-ifield'><a href=\"https:\/\/www.dmsjuridica.com\/buscador_20179478954\/corteconstitucionalcronologico202454587\/t-1221-03\/\" class=\"_self pt-cv-href-thumbnail pt-cv-thumb-default\" target=\"_self\" ><\/a>\n<div class=\"pt-cv-taxoterm above_title\"><a href='https:\/\/www.dmsjuridica.com\/buscador_20179478954\/corteconstitucionalcronologico202454587\/category\/buscar-en-toda-la-corte\/2003\/tutelas-2003\/' title='Tutelas 2003' class='pt-cv-tax-tutelas-2003'>Tutelas 2003<\/a><\/div>\n<h4 class=\"pt-cv-title\"><a href=\"https:\/\/www.dmsjuridica.com\/buscador_20179478954\/corteconstitucionalcronologico202454587\/t-1221-03\/\" class=\"_self\" target=\"_self\" >T-1221-03<\/a><\/h4>\n<div class=\"pt-cv-content\">\u00a0 \u00a0 Sentencia T-1221\/03 \u00a0 ACCION DE TUTELA FRENTE A HECHOS INEXISTENTES O FUTUROS-Improcedencia \u00a0 La Corte ha indicado que la utilizaci\u00f3n de la acci\u00f3n de tutela por parte de quienes acuden a \u00e9sta, es procedente siempre que se origine sobre hechos ciertos y reconocidos, que permitan amparar la violaci\u00f3n de un derecho indiscutible. Es as\u00ed como la jurisprudencia ha dispuesto que la informalidad de la tutela no justifica que las personas recurran a ella con el \u00fanico prop\u00f3sito de conjurar una situaci\u00f3n que consideran, a trav\u00e9s de conjeturas, podr\u00eda ocasionar un perjuicio. Dicha acci\u00f3n no protege derechos fundamentales sobre ...<br \/><div class=\"pt-cv-rmwrap\"><a href=\"https:\/\/www.dmsjuridica.com\/buscador_20179478954\/corteconstitucionalcronologico202454587\/t-1221-03\/\" class=\"_self pt-cv-readmore btn btn-success\" target=\"_self\">Ver Sentencia Completa...<\/a><\/div><\/div><\/div><\/div>\n<div class=\"col-md-12 col-sm-12 col-xs-12 pt-cv-content-item pt-cv-1-col\" ><div class='pt-cv-ifield'><a href=\"https:\/\/www.dmsjuridica.com\/buscador_20179478954\/corteconstitucionalcronologico202454587\/t-1220-03\/\" class=\"_self pt-cv-href-thumbnail pt-cv-thumb-default\" target=\"_self\" ><\/a>\n<div class=\"pt-cv-taxoterm above_title\"><a href='https:\/\/www.dmsjuridica.com\/buscador_20179478954\/corteconstitucionalcronologico202454587\/category\/buscar-en-toda-la-corte\/2003\/tutelas-2003\/' title='Tutelas 2003' class='pt-cv-tax-tutelas-2003'>Tutelas 2003<\/a><\/div>\n<h4 class=\"pt-cv-title\"><a href=\"https:\/\/www.dmsjuridica.com\/buscador_20179478954\/corteconstitucionalcronologico202454587\/t-1220-03\/\" class=\"_self\" target=\"_self\" >T-1220-03<\/a><\/h4>\n<div class=\"pt-cv-content\">\u00a0 \u00a0 Sentencia T-1220\/03 \u00a0 LEGITIMACION POR ACTIVA EN TUTELA DE MENORES DE EDAD \u00a0 De manera reiterada, la Corte Constitucional ha se\u00f1alado que los menores de edad est\u00e1n habilitados para interponer directamente la acci\u00f3n de tutela en defensa de sus derechos fundamentales. La Corte ha precisado, adem\u00e1s, que esa posibilidad tiene particular relevancia cuando los menores tratan de obtener protecci\u00f3n respecto de alguno de los progenitores. Esa posibilidad, que se desprende del car\u00e1cter informal que tiene la acci\u00f3n y de su naturaleza como instrumento de protecci\u00f3n de los derechos constitucionales fundamentales, exige del juez de tutela una particular atenci\u00f3n, ...<br \/><div class=\"pt-cv-rmwrap\"><a href=\"https:\/\/www.dmsjuridica.com\/buscador_20179478954\/corteconstitucionalcronologico202454587\/t-1220-03\/\" class=\"_self pt-cv-readmore btn btn-success\" target=\"_self\">Ver Sentencia Completa...<\/a><\/div><\/div><\/div><\/div>\n<div class=\"col-md-12 col-sm-12 col-xs-12 pt-cv-content-item pt-cv-1-col\" ><div class='pt-cv-ifield'><a href=\"https:\/\/www.dmsjuridica.com\/buscador_20179478954\/corteconstitucionalcronologico202454587\/t-1219-03\/\" class=\"_self pt-cv-href-thumbnail pt-cv-thumb-default\" target=\"_self\" ><\/a>\n<div class=\"pt-cv-taxoterm above_title\"><a href='https:\/\/www.dmsjuridica.com\/buscador_20179478954\/corteconstitucionalcronologico202454587\/category\/buscar-en-toda-la-corte\/2003\/tutelas-2003\/' title='Tutelas 2003' class='pt-cv-tax-tutelas-2003'>Tutelas 2003<\/a><\/div>\n<h4 class=\"pt-cv-title\"><a href=\"https:\/\/www.dmsjuridica.com\/buscador_20179478954\/corteconstitucionalcronologico202454587\/t-1219-03\/\" class=\"_self\" target=\"_self\" >T-1219-03<\/a><\/h4>\n<div class=\"pt-cv-content\">\u00a0 \u00a0 Sentencia T-1219\/03 \u00a0 DERECHO A LA VIDA DIGNA-Suministro de pa\u00f1ales a persona de tercera edad \u00a0 Se trata de una persona de la tercera edad (85 a\u00f1os), que padece incontinencia urinaria severa sin control de esf\u00ednteres (aunque en el expediente de tutela solo aparece tal afirmaci\u00f3n bajo juramento y la entidad demandada no desminti\u00f3 tal situaci\u00f3n, esta Sala de Revisi\u00f3n en aplicaci\u00f3n del principio de la buena fe, dar\u00e1 por ciertos tales hechos), sumado a que actualmente padece los efectos de un derrame cerebral, que de acuerdo con lo sostenido por el actor, padeci\u00f3 su padre hace aproximadamente ...<br \/><div class=\"pt-cv-rmwrap\"><a href=\"https:\/\/www.dmsjuridica.com\/buscador_20179478954\/corteconstitucionalcronologico202454587\/t-1219-03\/\" class=\"_self pt-cv-readmore btn btn-success\" target=\"_self\">Ver Sentencia Completa...<\/a><\/div><\/div><\/div><\/div>\n<div class=\"col-md-12 col-sm-12 col-xs-12 pt-cv-content-item pt-cv-1-col\" ><div class='pt-cv-ifield'><a href=\"https:\/\/www.dmsjuridica.com\/buscador_20179478954\/corteconstitucionalcronologico202454587\/t-1218-03\/\" class=\"_self pt-cv-href-thumbnail pt-cv-thumb-default\" target=\"_self\" ><\/a>\n<div class=\"pt-cv-taxoterm above_title\"><a href='https:\/\/www.dmsjuridica.com\/buscador_20179478954\/corteconstitucionalcronologico202454587\/category\/buscar-en-toda-la-corte\/2003\/tutelas-2003\/' title='Tutelas 2003' class='pt-cv-tax-tutelas-2003'>Tutelas 2003<\/a><\/div>\n<h4 class=\"pt-cv-title\"><a href=\"https:\/\/www.dmsjuridica.com\/buscador_20179478954\/corteconstitucionalcronologico202454587\/t-1218-03\/\" class=\"_self\" target=\"_self\" >T-1218-03<\/a><\/h4>\n<div class=\"pt-cv-content\">\u00a0 \u00a0 Sentencia T-1218\/03 \u00a0 Toda persona, en virtud del art\u00edculo 16 de la Constituci\u00f3n, tiene derecho a desarrollarse libremente y sin mas limitaciones que las derivadas de los derechos de los dem\u00e1s y del orden jur\u00eddico. \u00a0De igual manera, en raz\u00f3n del art\u00edculo 26 de la misma, tiene derecho a la libertad de escoger profesi\u00f3n u oficio. El derecho al libre desarrollo de la personalidad consiste en la facultad de toda persona para autodeterminarse o escoger su opci\u00f3n de vida sin temor a ser molestado por ello. La libertad de escoger profesi\u00f3n u oficio hace referencia a la garant\u00eda ...<br \/><div class=\"pt-cv-rmwrap\"><a href=\"https:\/\/www.dmsjuridica.com\/buscador_20179478954\/corteconstitucionalcronologico202454587\/t-1218-03\/\" class=\"_self pt-cv-readmore btn btn-success\" target=\"_self\">Ver Sentencia Completa...<\/a><\/div><\/div><\/div><\/div>\n<div class=\"col-md-12 col-sm-12 col-xs-12 pt-cv-content-item pt-cv-1-col\" ><div class='pt-cv-ifield'><a href=\"https:\/\/www.dmsjuridica.com\/buscador_20179478954\/corteconstitucionalcronologico202454587\/t-1217-03\/\" class=\"_self pt-cv-href-thumbnail pt-cv-thumb-default\" target=\"_self\" ><\/a>\n<div class=\"pt-cv-taxoterm above_title\"><a href='https:\/\/www.dmsjuridica.com\/buscador_20179478954\/corteconstitucionalcronologico202454587\/category\/buscar-en-toda-la-corte\/2003\/tutelas-2003\/' title='Tutelas 2003' class='pt-cv-tax-tutelas-2003'>Tutelas 2003<\/a><\/div>\n<h4 class=\"pt-cv-title\"><a href=\"https:\/\/www.dmsjuridica.com\/buscador_20179478954\/corteconstitucionalcronologico202454587\/t-1217-03\/\" class=\"_self\" target=\"_self\" >T-1217-03<\/a><\/h4>\n<div class=\"pt-cv-content\">\u00a0 \u00a0 Sentencia T-1217\/03 \u00a0 ACCION DE TUTELA CONTRA PROVIDENCIAS JUDICIALES-Procedencia excepcional\/ACCION DE TUTELA CONTRA PROVIDENCIAS JUDICIALES-Improcedencia por no ejercicio oportuno de mecanismos de defensa judicial\/RECURSO DE CASACION-No se hizo uso de \u00e9ste en la oportunidad procesal \u00a0 Es v\u00e1lido acudir a la acci\u00f3n de tutela contra providencias judiciales, criterio que ha permanecido inalterado desde aquel entonces y que se explica ante la necesidad de armonizar las decisiones con la Constituci\u00f3n y con el respeto de los derechos fundamentales. Sin embargo, su procedencia est\u00e1 condicionada al cumplimiento de ciertos requisitos, unos de car\u00e1cter formal y otros de contenido material. Frente ...<br \/><div class=\"pt-cv-rmwrap\"><a href=\"https:\/\/www.dmsjuridica.com\/buscador_20179478954\/corteconstitucionalcronologico202454587\/t-1217-03\/\" class=\"_self pt-cv-readmore btn btn-success\" target=\"_self\">Ver Sentencia Completa...<\/a><\/div><\/div><\/div><\/div>\n<div class=\"col-md-12 col-sm-12 col-xs-12 pt-cv-content-item pt-cv-1-col\" ><div class='pt-cv-ifield'><a href=\"https:\/\/www.dmsjuridica.com\/buscador_20179478954\/corteconstitucionalcronologico202454587\/t-1216-03\/\" class=\"_self pt-cv-href-thumbnail pt-cv-thumb-default\" target=\"_self\" ><\/a>\n<div class=\"pt-cv-taxoterm above_title\"><a href='https:\/\/www.dmsjuridica.com\/buscador_20179478954\/corteconstitucionalcronologico202454587\/category\/buscar-en-toda-la-corte\/2003\/tutelas-2003\/' title='Tutelas 2003' class='pt-cv-tax-tutelas-2003'>Tutelas 2003<\/a><\/div>\n<h4 class=\"pt-cv-title\"><a href=\"https:\/\/www.dmsjuridica.com\/buscador_20179478954\/corteconstitucionalcronologico202454587\/t-1216-03\/\" class=\"_self\" target=\"_self\" >T-1216-03<\/a><\/h4>\n<div class=\"pt-cv-content\">\u00a0 \u00a0 Sentencia T-1216\/03 \u00a0 INDEXACION DE LA PRIMERA MESADA PENSIONAL-No se hizo uso de acci\u00f3n contenciosa\/ACCION DE TUTELA CONTRA PROVIDENCIAS JUDICIALES-Improcedencia por no ejercicio oportuno de mecanismos de defensa judicial\/ACCION DE TUTELA-Inmediatez \u00a0 Es claro que la demandante cuenta con otro mecanismo de defensa judicial para obtener la actualizaci\u00f3n de su mesada, lo cual pone en evidencia que la tutela es improcedente como mecanismo principal de defensa. Ahora bien, el hecho de no haber acudido a la jurisdicci\u00f3n contencioso administrativa con anterioridad no significa que esa v\u00eda no sea id\u00f3nea o ineficaz para alcanzar lo pretendido, m\u00e1s a\u00fan cuando ...<br \/><div class=\"pt-cv-rmwrap\"><a href=\"https:\/\/www.dmsjuridica.com\/buscador_20179478954\/corteconstitucionalcronologico202454587\/t-1216-03\/\" class=\"_self pt-cv-readmore btn btn-success\" target=\"_self\">Ver Sentencia Completa...<\/a><\/div><\/div><\/div><\/div>\n<div class=\"col-md-12 col-sm-12 col-xs-12 pt-cv-content-item pt-cv-1-col\" ><div class='pt-cv-ifield'><a href=\"https:\/\/www.dmsjuridica.com\/buscador_20179478954\/corteconstitucionalcronologico202454587\/t-1215-03\/\" class=\"_self pt-cv-href-thumbnail pt-cv-thumb-default\" target=\"_self\" ><\/a>\n<div class=\"pt-cv-taxoterm above_title\"><a href='https:\/\/www.dmsjuridica.com\/buscador_20179478954\/corteconstitucionalcronologico202454587\/category\/buscar-en-toda-la-corte\/2003\/tutelas-2003\/' title='Tutelas 2003' class='pt-cv-tax-tutelas-2003'>Tutelas 2003<\/a><\/div>\n<h4 class=\"pt-cv-title\"><a href=\"https:\/\/www.dmsjuridica.com\/buscador_20179478954\/corteconstitucionalcronologico202454587\/t-1215-03\/\" class=\"_self\" target=\"_self\" >T-1215-03<\/a><\/h4>\n<div class=\"pt-cv-content\">\u00a0 \u00a0 Sentencia T-1215\/03 \u00a0 PRINCIPIO DE LA BUENA FE-Aplicaci\u00f3n en tr\u00e1mites judiciales \u00a0 Quien acude ante las autoridades judiciales debe obrar bajo el principio de buena fe consagrado en el art\u00edculo 83 de la Carta Pol\u00edtica, que rec\u00edprocamente debe ser cumplido por las entidades p\u00fablicas en sus relaciones con los asociados. \u00a0De esta manera se consolida la figura de la buena fe procesal, y en virtud de ella se presume la lealtad en todas las gestiones que los particulares adelanten ante las autoridades, lo que exige el compromiso de obrar con lealtad en el marco de unas relaciones de ...<br \/><div class=\"pt-cv-rmwrap\"><a href=\"https:\/\/www.dmsjuridica.com\/buscador_20179478954\/corteconstitucionalcronologico202454587\/t-1215-03\/\" class=\"_self pt-cv-readmore btn btn-success\" target=\"_self\">Ver Sentencia Completa...<\/a><\/div><\/div><\/div><\/div>\n<div class=\"col-md-12 col-sm-12 col-xs-12 pt-cv-content-item pt-cv-1-col\" ><div class='pt-cv-ifield'><a href=\"https:\/\/www.dmsjuridica.com\/buscador_20179478954\/corteconstitucionalcronologico202454587\/t-1214-03\/\" class=\"_self pt-cv-href-thumbnail pt-cv-thumb-default\" target=\"_self\" ><\/a>\n<div class=\"pt-cv-taxoterm above_title\"><a href='https:\/\/www.dmsjuridica.com\/buscador_20179478954\/corteconstitucionalcronologico202454587\/category\/buscar-en-toda-la-corte\/2003\/tutelas-2003\/' title='Tutelas 2003' class='pt-cv-tax-tutelas-2003'>Tutelas 2003<\/a><\/div>\n<h4 class=\"pt-cv-title\"><a href=\"https:\/\/www.dmsjuridica.com\/buscador_20179478954\/corteconstitucionalcronologico202454587\/t-1214-03\/\" class=\"_self\" target=\"_self\" >T-1214-03<\/a><\/h4>\n<div class=\"pt-cv-content\">\u00a0 \u00a0 Sentencia T-1214\/03 \u00a0 HONORARIOS DE ABOGADO-Regulaci\u00f3n\/ACCION DE TUTELA CONTRA PROVIDENCIAS JUDICIALES-Improcedencia para ordenar reconocimiento de honorarios profesionales\/VIA DE HECHO Y PRINCIPIO DE JUEZ NATURAL-Inexistencia de vulneraci\u00f3n \u00a0 La Sala comparte los planteamientos de la Sala de Casaci\u00f3n Civil, en el sentido de que para la regulaci\u00f3n de sus honorarios profesionales el ex apoderado a quien se le ha revocado el poder cuenta con una doble opci\u00f3n. De un lado, \u00a0al tenor de lo dispuesto en el inciso segundo del art\u00edculo 69 del CPC, dentro de los 30 d\u00edas siguientes al de notificaci\u00f3n del auto que admite dicha revocaci\u00f3n ...<br \/><div class=\"pt-cv-rmwrap\"><a href=\"https:\/\/www.dmsjuridica.com\/buscador_20179478954\/corteconstitucionalcronologico202454587\/t-1214-03\/\" class=\"_self pt-cv-readmore btn btn-success\" target=\"_self\">Ver Sentencia Completa...<\/a><\/div><\/div><\/div><\/div>\n<div class=\"col-md-12 col-sm-12 col-xs-12 pt-cv-content-item pt-cv-1-col\" ><div class='pt-cv-ifield'><a href=\"https:\/\/www.dmsjuridica.com\/buscador_20179478954\/corteconstitucionalcronologico202454587\/t-1213-03\/\" class=\"_self pt-cv-href-thumbnail pt-cv-thumb-default\" target=\"_self\" ><\/a>\n<div class=\"pt-cv-taxoterm above_title\"><a href='https:\/\/www.dmsjuridica.com\/buscador_20179478954\/corteconstitucionalcronologico202454587\/category\/buscar-en-toda-la-corte\/2003\/tutelas-2003\/' title='Tutelas 2003' class='pt-cv-tax-tutelas-2003'>Tutelas 2003<\/a><\/div>\n<h4 class=\"pt-cv-title\"><a href=\"https:\/\/www.dmsjuridica.com\/buscador_20179478954\/corteconstitucionalcronologico202454587\/t-1213-03\/\" class=\"_self\" target=\"_self\" >T-1213-03<\/a><\/h4>\n<div class=\"pt-cv-content\">\u00a0 \u00a0 Sentencia T-1213\/03 \u00a0 DERECHO A LA SALUD-Suministro de medicamento por ARS en casos de urgencia manifiesta \u00a0 La Corte Constitucional ha considerado que las A.R.S., ante peticiones de sus afiliados en que solicitan medicamentos o tratamientos que se encuentran excluidos por fuera del POS-S, est\u00e1n en la obligaci\u00f3n de orientar y dirigir expedita y eficazmente a los interesados hacia las entidades estatales que deben proporcionar tales medicamentos o tratamientos. Sin embargo, en esta oportunidad la Sala debe precisar que esta regla no es inmediatamente aplicable cuandoquiera que las A.R.S. est\u00e9n frente a casos de urgencia manifiesta, en los ...<br \/><div class=\"pt-cv-rmwrap\"><a href=\"https:\/\/www.dmsjuridica.com\/buscador_20179478954\/corteconstitucionalcronologico202454587\/t-1213-03\/\" class=\"_self pt-cv-readmore btn btn-success\" target=\"_self\">Ver Sentencia Completa...<\/a><\/div><\/div><\/div><\/div>\n<div class=\"col-md-12 col-sm-12 col-xs-12 pt-cv-content-item pt-cv-1-col\" ><div class='pt-cv-ifield'><a href=\"https:\/\/www.dmsjuridica.com\/buscador_20179478954\/corteconstitucionalcronologico202454587\/t-1212-03\/\" class=\"_self pt-cv-href-thumbnail pt-cv-thumb-default\" target=\"_self\" ><\/a>\n<div class=\"pt-cv-taxoterm above_title\"><a href='https:\/\/www.dmsjuridica.com\/buscador_20179478954\/corteconstitucionalcronologico202454587\/category\/buscar-en-toda-la-corte\/2003\/tutelas-2003\/' title='Tutelas 2003' class='pt-cv-tax-tutelas-2003'>Tutelas 2003<\/a><\/div>\n<h4 class=\"pt-cv-title\"><a href=\"https:\/\/www.dmsjuridica.com\/buscador_20179478954\/corteconstitucionalcronologico202454587\/t-1212-03\/\" class=\"_self\" target=\"_self\" >T-1212-03<\/a><\/h4>\n<div class=\"pt-cv-content\">\u00a0 \u00a0 Sentencia T-1212\/03 \u00a0 DERECHO DE PETICION DEL INTERNO-Respuesta negativa sobre asignaci\u00f3n de defensor p\u00fablico \u00a0 DERECHO DE DEFENSA-Garant\u00eda constitucional del debido proceso \u00a0 DERECHO DE DEFENSA-Solicitud defensor p\u00fablico \u00a0 DEFENSA TECNICA-Garant\u00eda del debido proceso constitucional \u00a0 DEFENSOR DEL PUEBLO-Obligaci\u00f3n de designar defensor p\u00fablico \u00a0 As\u00ed, la doctrina constitucional en materia de tutela se\u00f1ala que la Defensor\u00eda del Pueblo est\u00e1 obligada a designar un defensor p\u00fablico en los casos en los cuales el sindicado solicitante no tiene acceso a dicho servicio, ya sea porque no cuenta con un abogado, o, que el profesional que lo representa realiza sus labores ...<br \/><div class=\"pt-cv-rmwrap\"><a href=\"https:\/\/www.dmsjuridica.com\/buscador_20179478954\/corteconstitucionalcronologico202454587\/t-1212-03\/\" class=\"_self pt-cv-readmore btn btn-success\" target=\"_self\">Ver Sentencia Completa...<\/a><\/div><\/div><\/div><\/div>\n<div class=\"col-md-12 col-sm-12 col-xs-12 pt-cv-content-item pt-cv-1-col\" ><div class='pt-cv-ifield'><a href=\"https:\/\/www.dmsjuridica.com\/buscador_20179478954\/corteconstitucionalcronologico202454587\/t-1211-03\/\" class=\"_self pt-cv-href-thumbnail pt-cv-thumb-default\" target=\"_self\" ><\/a>\n<div class=\"pt-cv-taxoterm above_title\"><a href='https:\/\/www.dmsjuridica.com\/buscador_20179478954\/corteconstitucionalcronologico202454587\/category\/buscar-en-toda-la-corte\/2003\/tutelas-2003\/' title='Tutelas 2003' class='pt-cv-tax-tutelas-2003'>Tutelas 2003<\/a><\/div>\n<h4 class=\"pt-cv-title\"><a href=\"https:\/\/www.dmsjuridica.com\/buscador_20179478954\/corteconstitucionalcronologico202454587\/t-1211-03\/\" class=\"_self\" target=\"_self\" >T-1211-03<\/a><\/h4>\n<div class=\"pt-cv-content\">\u00a0 \u00a0 Sentencia T-1211\/03 \u00a0 Cuando la persona requiera un servicio m\u00e9dico espec\u00edfico no incluido en el Plan Obligatorio de Salud, del que dependan derechos fundamentales como la vida o la integridad f\u00edsica, corresponde en el r\u00e9gimen contributivo a la EPS prestarlo directamente, con el derecho de repetir contra el Estado a trav\u00e9s del Fosyga. La Corte Constitucional ha se\u00f1alado que corresponde al juez constitucional ordenar que se preste un tratamiento m\u00e9dico cuando (i) la falta de la prestaci\u00f3n del servicio vulnera o amenaza los derechos a la vida y a la integridad f\u00edsica de quien lo requiere; (ii) ese ...<br \/><div class=\"pt-cv-rmwrap\"><a href=\"https:\/\/www.dmsjuridica.com\/buscador_20179478954\/corteconstitucionalcronologico202454587\/t-1211-03\/\" class=\"_self pt-cv-readmore btn btn-success\" target=\"_self\">Ver Sentencia Completa...<\/a><\/div><\/div><\/div><\/div>\n<div class=\"col-md-12 col-sm-12 col-xs-12 pt-cv-content-item pt-cv-1-col\" ><div class='pt-cv-ifield'><a href=\"https:\/\/www.dmsjuridica.com\/buscador_20179478954\/corteconstitucionalcronologico202454587\/t-1210-03\/\" class=\"_self pt-cv-href-thumbnail pt-cv-thumb-default\" target=\"_self\" ><\/a>\n<div class=\"pt-cv-taxoterm above_title\"><a href='https:\/\/www.dmsjuridica.com\/buscador_20179478954\/corteconstitucionalcronologico202454587\/category\/buscar-en-toda-la-corte\/2003\/tutelas-2003\/' title='Tutelas 2003' class='pt-cv-tax-tutelas-2003'>Tutelas 2003<\/a><\/div>\n<h4 class=\"pt-cv-title\"><a href=\"https:\/\/www.dmsjuridica.com\/buscador_20179478954\/corteconstitucionalcronologico202454587\/t-1210-03\/\" class=\"_self\" target=\"_self\" >T-1210-03<\/a><\/h4>\n<div class=\"pt-cv-content\">\u00a0 \u00a0 Sentencia T-1210\/03 \u00a0 DERECHO A LA SALUD-Casos en que debe prestarse servicio m\u00e9dico\/DERECHO A LA SALUD-Fundamental por conexidad con la vida \u00a0 Cuando la persona no s\u00f3lo requiera un servicio m\u00e9dico espec\u00edfico, sino que de \u00e9ste dependan derechos fundamentales como la vida o la integridad f\u00edsica, corresponde en el r\u00e9gimen contributivo a la EPS asumirlo, con el derecho de repetir contra el Estado a trav\u00e9s del Fosyga. La Corte Constitucional ha se\u00f1alado que corresponde al juez constitucional ordenar que se preste un tratamiento m\u00e9dico cuando (i) la falta de la prestaci\u00f3n del servicio vulnera o amenaza los derechos ...<br \/><div class=\"pt-cv-rmwrap\"><a href=\"https:\/\/www.dmsjuridica.com\/buscador_20179478954\/corteconstitucionalcronologico202454587\/t-1210-03\/\" class=\"_self pt-cv-readmore btn btn-success\" target=\"_self\">Ver Sentencia Completa...<\/a><\/div><\/div><\/div><\/div>\n<div class=\"col-md-12 col-sm-12 col-xs-12 pt-cv-content-item pt-cv-1-col\" ><div class='pt-cv-ifield'><a href=\"https:\/\/www.dmsjuridica.com\/buscador_20179478954\/corteconstitucionalcronologico202454587\/t-1209-03\/\" class=\"_self pt-cv-href-thumbnail pt-cv-thumb-default\" target=\"_self\" ><\/a>\n<div class=\"pt-cv-taxoterm above_title\"><a href='https:\/\/www.dmsjuridica.com\/buscador_20179478954\/corteconstitucionalcronologico202454587\/category\/buscar-en-toda-la-corte\/2003\/tutelas-2003\/' title='Tutelas 2003' class='pt-cv-tax-tutelas-2003'>Tutelas 2003<\/a><\/div>\n<h4 class=\"pt-cv-title\"><a href=\"https:\/\/www.dmsjuridica.com\/buscador_20179478954\/corteconstitucionalcronologico202454587\/t-1209-03\/\" class=\"_self\" target=\"_self\" >T-1209-03<\/a><\/h4>\n<div class=\"pt-cv-content\">\u00a0 \u00a0 Sentencia T-1209\/03 \u00a0 DERECHO A LA SALUD DEL MENOR-Protecci\u00f3n constitucional \u00a0 No comparte la Corte las razones expuestas por la sentencia de instancia cuando decide apartarse de los pedimentos de la tutela porque \u00a0advierte que no existe compromiso serio de alg\u00fan derecho fundamental. Argumento \u00e9ste que niega toda la jurisprudencia de la Corte que ha sido \u00a0constante al considerar que no s\u00f3lo las patolog\u00edas que ponen en peligro la vida son objeto de protecci\u00f3n por v\u00eda de tutela sino cualquier limitaci\u00f3n que menoscabe las condiciones normales de vida. En cuanto a los problemas de visi\u00f3n, la Corte ha ...<br \/><div class=\"pt-cv-rmwrap\"><a href=\"https:\/\/www.dmsjuridica.com\/buscador_20179478954\/corteconstitucionalcronologico202454587\/t-1209-03\/\" class=\"_self pt-cv-readmore btn btn-success\" target=\"_self\">Ver Sentencia Completa...<\/a><\/div><\/div><\/div><\/div>\n<div class=\"col-md-12 col-sm-12 col-xs-12 pt-cv-content-item pt-cv-1-col\" ><div class='pt-cv-ifield'><a href=\"https:\/\/www.dmsjuridica.com\/buscador_20179478954\/corteconstitucionalcronologico202454587\/t-1208-03\/\" class=\"_self pt-cv-href-thumbnail pt-cv-thumb-default\" target=\"_self\" ><\/a>\n<div class=\"pt-cv-taxoterm above_title\"><a href='https:\/\/www.dmsjuridica.com\/buscador_20179478954\/corteconstitucionalcronologico202454587\/category\/buscar-en-toda-la-corte\/2003\/tutelas-2003\/' title='Tutelas 2003' class='pt-cv-tax-tutelas-2003'>Tutelas 2003<\/a><\/div>\n<h4 class=\"pt-cv-title\"><a href=\"https:\/\/www.dmsjuridica.com\/buscador_20179478954\/corteconstitucionalcronologico202454587\/t-1208-03\/\" class=\"_self\" target=\"_self\" >T-1208-03<\/a><\/h4>\n<div class=\"pt-cv-content\">\u00a0 \u00a0 Sentencia T-1208\/03 \u00a0 CONTRATO DE MEDICINA PREPAGADA-Improcedencia de la tutela para interpretaci\u00f3n\u00a0 \u00a0 En esta oportunidad lo que se debate es si el plan de la se\u00f1ora cubre el suministro de lentes intraoculares, asunto que escapa al \u00e1mbito de control de la acci\u00f3n de tutela, pues se trata de un problema relativo a la interpretaci\u00f3n del respectivo plan de medicina prepagada y a los alcances de un contrato. Subraya la Corte que en este caso la atenci\u00f3n espec\u00edfica y b\u00e1sica esta siendo recibida por la accionada y que lo adicionalmente pedido por ella no puede ser concedido por ...<br \/><div class=\"pt-cv-rmwrap\"><a href=\"https:\/\/www.dmsjuridica.com\/buscador_20179478954\/corteconstitucionalcronologico202454587\/t-1208-03\/\" class=\"_self pt-cv-readmore btn btn-success\" target=\"_self\">Ver Sentencia Completa...<\/a><\/div><\/div><\/div><\/div>\n<div class=\"col-md-12 col-sm-12 col-xs-12 pt-cv-content-item pt-cv-1-col\" ><div class='pt-cv-ifield'><a href=\"https:\/\/www.dmsjuridica.com\/buscador_20179478954\/corteconstitucionalcronologico202454587\/t-1207-03\/\" class=\"_self pt-cv-href-thumbnail pt-cv-thumb-default\" target=\"_self\" ><\/a>\n<div class=\"pt-cv-taxoterm above_title\"><a href='https:\/\/www.dmsjuridica.com\/buscador_20179478954\/corteconstitucionalcronologico202454587\/category\/buscar-en-toda-la-corte\/2003\/tutelas-2003\/' title='Tutelas 2003' class='pt-cv-tax-tutelas-2003'>Tutelas 2003<\/a><\/div>\n<h4 class=\"pt-cv-title\"><a href=\"https:\/\/www.dmsjuridica.com\/buscador_20179478954\/corteconstitucionalcronologico202454587\/t-1207-03\/\" class=\"_self\" target=\"_self\" >T-1207-03<\/a><\/h4>\n<div class=\"pt-cv-content\">\u00a0 \u00a0 Sentencia T-1207\/03 \u00a0 DERECHO DE PETICION-Alcance y contenido \u00a0 La Corte Constitucional ha puesto de presente que \"[e]l derecho de petici\u00f3n es fundamental y determinante para la efectividad de los mecanismos de la democracia participativa. Adem\u00e1s, porque mediante \u00e9l se garantizan otros derechos constitucionales, como los derechos a la informaci\u00f3n, a la participaci\u00f3n pol\u00edtica y a la libertad de expresi\u00f3n. || El n\u00facleo esencial del derecho de petici\u00f3n reside en la resoluci\u00f3n pronta y oportuna de la cuesti\u00f3n, pues de nada servir\u00eda la posibilidad de dirigirse a la autoridad si \u00e9sta no resuelve o se reserva para s\u00ed ...<br \/><div class=\"pt-cv-rmwrap\"><a href=\"https:\/\/www.dmsjuridica.com\/buscador_20179478954\/corteconstitucionalcronologico202454587\/t-1207-03\/\" class=\"_self pt-cv-readmore btn btn-success\" target=\"_self\">Ver Sentencia Completa...<\/a><\/div><\/div><\/div><\/div>\n<div class=\"col-md-12 col-sm-12 col-xs-12 pt-cv-content-item pt-cv-1-col\" ><div class='pt-cv-ifield'><a href=\"https:\/\/www.dmsjuridica.com\/buscador_20179478954\/corteconstitucionalcronologico202454587\/t-1206-03\/\" class=\"_self pt-cv-href-thumbnail pt-cv-thumb-default\" target=\"_self\" ><\/a>\n<div class=\"pt-cv-taxoterm above_title\"><a href='https:\/\/www.dmsjuridica.com\/buscador_20179478954\/corteconstitucionalcronologico202454587\/category\/buscar-en-toda-la-corte\/2003\/tutelas-2003\/' title='Tutelas 2003' class='pt-cv-tax-tutelas-2003'>Tutelas 2003<\/a><\/div>\n<h4 class=\"pt-cv-title\"><a href=\"https:\/\/www.dmsjuridica.com\/buscador_20179478954\/corteconstitucionalcronologico202454587\/t-1206-03\/\" class=\"_self\" target=\"_self\" >T-1206-03<\/a><\/h4>\n<div class=\"pt-cv-content\">\u00a0 \u00a0 Sentencia T-1206\/03 \u00a0 DERECHO A LA SALUD DEL INTERNO-Traslado a otra ciudad para cirug\u00eda \u00a0 \u00a0 Reiteraci\u00f3n de Jurisprudencia \u00a0 Referencia: expediente T-788335 \u00a0 Acci\u00f3n de tutela instaurada por Sim\u00f3n R\u00edos Sep\u00falveda contra el M\u00e9dico y el Director del Establecimiento Penitenciario y Carcelario de San Andr\u00e9s Isla. \u00a0 Magistrado Ponente: \u00a0 Dr. MANUEL JOS\u00c9 CEPEDA ESPINOSA\u00a0 \u00a0 Bogot\u00e1, D. C., once (11) de diciembre de dos mil tres (2003). \u00a0 La Sala Tercera de Revisi\u00f3n de la Corte Constitucional, en ejercicio de sus competencias constitucionales y legales, en particular las contenidas en los art\u00edculos 86 y 241, numeral ...<br \/><div class=\"pt-cv-rmwrap\"><a href=\"https:\/\/www.dmsjuridica.com\/buscador_20179478954\/corteconstitucionalcronologico202454587\/t-1206-03\/\" class=\"_self pt-cv-readmore btn btn-success\" target=\"_self\">Ver Sentencia Completa...<\/a><\/div><\/div><\/div><\/div>\n<div class=\"col-md-12 col-sm-12 col-xs-12 pt-cv-content-item pt-cv-1-col\" ><div class='pt-cv-ifield'><a href=\"https:\/\/www.dmsjuridica.com\/buscador_20179478954\/corteconstitucionalcronologico202454587\/t-1205-03\/\" class=\"_self pt-cv-href-thumbnail pt-cv-thumb-default\" target=\"_self\" ><\/a>\n<div class=\"pt-cv-taxoterm above_title\"><a href='https:\/\/www.dmsjuridica.com\/buscador_20179478954\/corteconstitucionalcronologico202454587\/category\/buscar-en-toda-la-corte\/2003\/tutelas-2003\/' title='Tutelas 2003' class='pt-cv-tax-tutelas-2003'>Tutelas 2003<\/a><\/div>\n<h4 class=\"pt-cv-title\"><a href=\"https:\/\/www.dmsjuridica.com\/buscador_20179478954\/corteconstitucionalcronologico202454587\/t-1205-03\/\" class=\"_self\" target=\"_self\" >T-1205-03<\/a><\/h4>\n<div class=\"pt-cv-content\">\u00a0 \u00a0 Sentencia T-1205\/03 \u00a0 DERECHOS FUNDAMENTALES-Armonizaci\u00f3n \u00a0 LIBERTAD DE CULTOS Y DERECHO A LA INTIMIDAD-Armonizaci\u00f3n\/LIBERTAD DE CULTOS-L\u00edmites en su ejercicio y actividad comunicativa \u00a0 Como se advirti\u00f3, ante el conflicto entre la libertad de cultos y el derecho a la intimidad, lo que procede es armonizar ambos derechos fundamentales en el caso concreto para que los dos sean protegidos. La orden que se impartir\u00e1 no establece la prevalencia de la intimidad sobre la libertad de cultos sino que limita la actividad comunicativa consistente en tocar las campanas de la parroquia de tal manera que el ruido por ellas emitido ...<br \/><div class=\"pt-cv-rmwrap\"><a href=\"https:\/\/www.dmsjuridica.com\/buscador_20179478954\/corteconstitucionalcronologico202454587\/t-1205-03\/\" class=\"_self pt-cv-readmore btn btn-success\" target=\"_self\">Ver Sentencia Completa...<\/a><\/div><\/div><\/div><\/div>\n<div class=\"col-md-12 col-sm-12 col-xs-12 pt-cv-content-item pt-cv-1-col\" ><div class='pt-cv-ifield'><a href=\"https:\/\/www.dmsjuridica.com\/buscador_20179478954\/corteconstitucionalcronologico202454587\/t-1204-03\/\" class=\"_self pt-cv-href-thumbnail pt-cv-thumb-default\" target=\"_self\" ><\/a>\n<div class=\"pt-cv-taxoterm above_title\"><a href='https:\/\/www.dmsjuridica.com\/buscador_20179478954\/corteconstitucionalcronologico202454587\/category\/buscar-en-toda-la-corte\/2003\/tutelas-2003\/' title='Tutelas 2003' class='pt-cv-tax-tutelas-2003'>Tutelas 2003<\/a><\/div>\n<h4 class=\"pt-cv-title\"><a href=\"https:\/\/www.dmsjuridica.com\/buscador_20179478954\/corteconstitucionalcronologico202454587\/t-1204-03\/\" class=\"_self\" target=\"_self\" >T-1204-03<\/a><\/h4>\n<div class=\"pt-cv-content\">\u00a0 \u00a0 Sentencia T-1204\/03 \u00a0 ACCION DE TUTELA-Hecho superado por haberse ejecutoriado la sanci\u00f3n de restricci\u00f3n de visitas conyugales \u00a0 DERECHO A LA VISITA CONYUGAL DEL INTERNO Y AL LIBRE DESARROLLO DE LA PERSONALIDAD DEL INTERNO-Alcance \u00a0 Indiscutiblemente todas las personas tienen derecho a su intimidad personal y familiar y a su buen nombre (CP. art. 15), el cual se encuentra muy ligado al derecho a la dignidad humana, principio rector del Estado Social de Derecho. Este derecho a la intimidad personal y familiar no es desconocido para quienes se encuentran recluidos en establecimientos carcelarios, pero \u00a0dadas las especiales circunstancias ...<br \/><div class=\"pt-cv-rmwrap\"><a href=\"https:\/\/www.dmsjuridica.com\/buscador_20179478954\/corteconstitucionalcronologico202454587\/t-1204-03\/\" class=\"_self pt-cv-readmore btn btn-success\" target=\"_self\">Ver Sentencia Completa...<\/a><\/div><\/div><\/div><\/div>\n<div class=\"col-md-12 col-sm-12 col-xs-12 pt-cv-content-item pt-cv-1-col\" ><div class='pt-cv-ifield'><a href=\"https:\/\/www.dmsjuridica.com\/buscador_20179478954\/corteconstitucionalcronologico202454587\/t-1203-03\/\" class=\"_self pt-cv-href-thumbnail pt-cv-thumb-default\" target=\"_self\" ><\/a>\n<div class=\"pt-cv-taxoterm above_title\"><a href='https:\/\/www.dmsjuridica.com\/buscador_20179478954\/corteconstitucionalcronologico202454587\/category\/buscar-en-toda-la-corte\/2003\/tutelas-2003\/' title='Tutelas 2003' class='pt-cv-tax-tutelas-2003'>Tutelas 2003<\/a><\/div>\n<h4 class=\"pt-cv-title\"><a href=\"https:\/\/www.dmsjuridica.com\/buscador_20179478954\/corteconstitucionalcronologico202454587\/t-1203-03\/\" class=\"_self\" target=\"_self\" >T-1203-03<\/a><\/h4>\n<div class=\"pt-cv-content\">\u00a0 \u00a0 Sentencia T-1203\/03 \u00a0 DERECHO A LA SALUD-Afectaci\u00f3n a\u00fan cuando la vida no se encuentre en peligro \u00a0 Referencia: expediente T-785828 \u00a0 Acci\u00f3n de tutela de la se\u00f1ora Rosa Mar\u00eda Pineda contra Sanitas EPS. \u00a0 Procedencia: Juzgado Ochenta y Seis Penal Municipal de Bogot\u00e1.\u00a0 \u00a0 Magistrado Ponente: \u00a0 Dr. ALFREDO BELTR\u00c1N SIERRA. \u00a0 La Sala Segunda de Revisi\u00f3n de la Corte Constitucional, integrada por los magistrados Alfredo Beltr\u00e1n Sierra, Manuel Jos\u00e9 Cepeda Espinosa y Jaime C\u00f3rdoba en ejercicio de sus competencias constitucionales y legales ha proferido la siguiente\u00a0 \u00a0 SENTENCIA \u00a0 en el proceso de revisi\u00f3n del fallo adoptado ...<br \/><div class=\"pt-cv-rmwrap\"><a href=\"https:\/\/www.dmsjuridica.com\/buscador_20179478954\/corteconstitucionalcronologico202454587\/t-1203-03\/\" class=\"_self pt-cv-readmore btn btn-success\" target=\"_self\">Ver Sentencia Completa...<\/a><\/div><\/div><\/div><\/div>\n<div class=\"col-md-12 col-sm-12 col-xs-12 pt-cv-content-item pt-cv-1-col\" ><div class='pt-cv-ifield'><a href=\"https:\/\/www.dmsjuridica.com\/buscador_20179478954\/corteconstitucionalcronologico202454587\/t-1202-03\/\" class=\"_self pt-cv-href-thumbnail pt-cv-thumb-default\" target=\"_self\" ><\/a>\n<div class=\"pt-cv-taxoterm above_title\"><a href='https:\/\/www.dmsjuridica.com\/buscador_20179478954\/corteconstitucionalcronologico202454587\/category\/buscar-en-toda-la-corte\/2003\/tutelas-2003\/' title='Tutelas 2003' class='pt-cv-tax-tutelas-2003'>Tutelas 2003<\/a><\/div>\n<h4 class=\"pt-cv-title\"><a href=\"https:\/\/www.dmsjuridica.com\/buscador_20179478954\/corteconstitucionalcronologico202454587\/t-1202-03\/\" class=\"_self\" target=\"_self\" >T-1202-03<\/a><\/h4>\n<div class=\"pt-cv-content\">\u00a0 \u00a0 Sentencia T-1202\/03 \u00a0 DERECHO A LA SALUD DEL ENFERMO DE SIDA-No puede exigir afiliaci\u00f3n a un sistema espec\u00edfico \u00a0 Podr\u00eda aducirse que las personas que han sido infectadas con el VIH o que padecen SIDA, se encuentran en una situaci\u00f3n tal que requieren de una especial atenci\u00f3n por parte del Estado. La Corte comparte tal apreciaci\u00f3n, pues el car\u00e1cter epid\u00e9mico del SIDA, a nivel mundial, al igual que en Colombia, como las consecuencias personales de quienes padecen la enfermedad, demanda una atenci\u00f3n integral, tanto a nivel individual como colectivo. Sin embargo, de ello no se desprende necesariamente que ...<br \/><div class=\"pt-cv-rmwrap\"><a href=\"https:\/\/www.dmsjuridica.com\/buscador_20179478954\/corteconstitucionalcronologico202454587\/t-1202-03\/\" class=\"_self pt-cv-readmore btn btn-success\" target=\"_self\">Ver Sentencia Completa...<\/a><\/div><\/div><\/div><\/div>\n<div class=\"col-md-12 col-sm-12 col-xs-12 pt-cv-content-item pt-cv-1-col\" ><div class='pt-cv-ifield'><a href=\"https:\/\/www.dmsjuridica.com\/buscador_20179478954\/corteconstitucionalcronologico202454587\/t-1198-03\/\" class=\"_self pt-cv-href-thumbnail pt-cv-thumb-default\" target=\"_self\" ><\/a>\n<div class=\"pt-cv-taxoterm above_title\"><a href='https:\/\/www.dmsjuridica.com\/buscador_20179478954\/corteconstitucionalcronologico202454587\/category\/buscar-en-toda-la-corte\/2003\/tutelas-2003\/' title='Tutelas 2003' class='pt-cv-tax-tutelas-2003'>Tutelas 2003<\/a><\/div>\n<h4 class=\"pt-cv-title\"><a href=\"https:\/\/www.dmsjuridica.com\/buscador_20179478954\/corteconstitucionalcronologico202454587\/t-1198-03\/\" class=\"_self\" target=\"_self\" >T-1198-03<\/a><\/h4>\n<div class=\"pt-cv-content\">\u00a0 \u00a0 Sentencia T-1198\/03 \u00a0 DERECHO A LA CONTINUIDAD EN EL SERVICIO DE SALUD\/PRINCIPIO DE CONTINUIDAD POR ENTIDAD PROMOTORA DE SALUD-No es v\u00e1lido argumentar ausencia de un documento como es el protocolo de manejo para seguir tratamiento y suministro de medicamento \u00a0 El derecho a la continuidad de la atenci\u00f3n en salud, supone entre otras cosas que, una vez iniciado un tratamiento, el mismo no pueda interrumpirse por parte de las prestadoras de salud con el mero expediente de la ausencia de un documento o un protocolo que por su car\u00e1cter t\u00e9cnico especializado tienen el deber de poseer. La jurisprudencia ...<br \/><div class=\"pt-cv-rmwrap\"><a href=\"https:\/\/www.dmsjuridica.com\/buscador_20179478954\/corteconstitucionalcronologico202454587\/t-1198-03\/\" class=\"_self pt-cv-readmore btn btn-success\" target=\"_self\">Ver Sentencia Completa...<\/a><\/div><\/div><\/div><\/div>\n<div class=\"col-md-12 col-sm-12 col-xs-12 pt-cv-content-item pt-cv-1-col\" ><div class='pt-cv-ifield'><a href=\"https:\/\/www.dmsjuridica.com\/buscador_20179478954\/corteconstitucionalcronologico202454587\/t-1197-03\/\" class=\"_self pt-cv-href-thumbnail pt-cv-thumb-default\" target=\"_self\" ><\/a>\n<div class=\"pt-cv-taxoterm above_title\"><a href='https:\/\/www.dmsjuridica.com\/buscador_20179478954\/corteconstitucionalcronologico202454587\/category\/buscar-en-toda-la-corte\/2003\/tutelas-2003\/' title='Tutelas 2003' class='pt-cv-tax-tutelas-2003'>Tutelas 2003<\/a><\/div>\n<h4 class=\"pt-cv-title\"><a href=\"https:\/\/www.dmsjuridica.com\/buscador_20179478954\/corteconstitucionalcronologico202454587\/t-1197-03\/\" class=\"_self\" target=\"_self\" >T-1197-03<\/a><\/h4>\n<div class=\"pt-cv-content\">\u00a0 \u00a0 Sentencia T-1197\/03 \u00a0 DECLARACION DE PERSONA AUSENTE-No opera de manera inmediata sino como consecuencia de no darse con el paradero del sindicado\/DECLARACION DE PERSONA AUSENTE-Requisitos \u00a0 Puesto que la validez de la declaraci\u00f3n de persona ausente depende de (i) la plena identificaci\u00f3n de la persona, as\u00ed como de (ii) la imposibilidad para hacer \u00a0comparecer a quien deba rendir indagatoria, corresponde a la Sala establecer si esos dos requisitos fueron satisfechos en el proceso penal seguido contra el peticionario, ya que si as\u00ed no sucedi\u00f3 la sentencia impugnada en sede de tutela constituye una v\u00eda de hecho por vulneraci\u00f3n ...<br \/><div class=\"pt-cv-rmwrap\"><a href=\"https:\/\/www.dmsjuridica.com\/buscador_20179478954\/corteconstitucionalcronologico202454587\/t-1197-03\/\" class=\"_self pt-cv-readmore btn btn-success\" target=\"_self\">Ver Sentencia Completa...<\/a><\/div><\/div><\/div><\/div>\n<div class=\"col-md-12 col-sm-12 col-xs-12 pt-cv-content-item pt-cv-1-col\" ><div class='pt-cv-ifield'><a href=\"https:\/\/www.dmsjuridica.com\/buscador_20179478954\/corteconstitucionalcronologico202454587\/t-1196-03\/\" class=\"_self pt-cv-href-thumbnail pt-cv-thumb-default\" target=\"_self\" ><\/a>\n<div class=\"pt-cv-taxoterm above_title\"><a href='https:\/\/www.dmsjuridica.com\/buscador_20179478954\/corteconstitucionalcronologico202454587\/category\/buscar-en-toda-la-corte\/2003\/tutelas-2003\/' title='Tutelas 2003' class='pt-cv-tax-tutelas-2003'>Tutelas 2003<\/a><\/div>\n<h4 class=\"pt-cv-title\"><a href=\"https:\/\/www.dmsjuridica.com\/buscador_20179478954\/corteconstitucionalcronologico202454587\/t-1196-03\/\" class=\"_self\" target=\"_self\" >T-1196-03<\/a><\/h4>\n<div class=\"pt-cv-content\">\u00a0 \u00a0 Sentencia T-1196\/03 \u00a0 ACCION DE TUTELA-Hecho superado por realizaci\u00f3n de examen a menor accidentado \u00a0 DERECHO A LA SALUD DEL MENOR-Deber de prestar directamente los servicios requeridos u orientar acerca de las gestiones pertinentes \u00a0 La Sala advierte que efectivamente el Hospital accionado no pose\u00eda los medios t\u00e9cnicos para llevar a cabo la radiograf\u00eda prescrita a la menor. No obstante, la falta de medios necesarios para brindar el tratamiento m\u00e9dico no exim\u00eda a la entidad de cumplir con su obligaci\u00f3n de prestar de manera integral el servicio de salud. Esta ten\u00eda el deber de disponer lo necesario para ...<br \/><div class=\"pt-cv-rmwrap\"><a href=\"https:\/\/www.dmsjuridica.com\/buscador_20179478954\/corteconstitucionalcronologico202454587\/t-1196-03\/\" class=\"_self pt-cv-readmore btn btn-success\" target=\"_self\">Ver Sentencia Completa...<\/a><\/div><\/div><\/div><\/div>\n<div class=\"col-md-12 col-sm-12 col-xs-12 pt-cv-content-item pt-cv-1-col\" ><div class='pt-cv-ifield'><a href=\"https:\/\/www.dmsjuridica.com\/buscador_20179478954\/corteconstitucionalcronologico202454587\/t-1195-03\/\" class=\"_self pt-cv-href-thumbnail pt-cv-thumb-default\" target=\"_self\" ><\/a>\n<div class=\"pt-cv-taxoterm above_title\"><a href='https:\/\/www.dmsjuridica.com\/buscador_20179478954\/corteconstitucionalcronologico202454587\/category\/buscar-en-toda-la-corte\/2003\/tutelas-2003\/' title='Tutelas 2003' class='pt-cv-tax-tutelas-2003'>Tutelas 2003<\/a><\/div>\n<h4 class=\"pt-cv-title\"><a href=\"https:\/\/www.dmsjuridica.com\/buscador_20179478954\/corteconstitucionalcronologico202454587\/t-1195-03\/\" class=\"_self\" target=\"_self\" >T-1195-03<\/a><\/h4>\n<div class=\"pt-cv-content\">\u00a0 \u00a0 Sentencia T-1195\/03 \u00a0 DERECHO A LA SALUD DEL ENFERMO DE SIDA-Realizaci\u00f3n de examen de carga viral \u00a0 Reiteraci\u00f3n de jurisprudencia \u00a0 Referencia: expediente T-779456 \u00a0 Acci\u00f3n de tutela instaurada por la se\u00f1ora ANGELICA DEL CARMEN Rodr\u00edguez CAICEDO contra Seguro Social Seccional Atl\u00e1ntico. \u00a0 Magistrado Ponente: \u00a0Dr. EDUARDO MONTEALEGRE LYNETT \u00a0 Bogot\u00e1 D. C., cuatro (4) de diciembre de dos mil tres (2003). \u00a0 SENTENCIA \u00a0 dentro del proceso de revisi\u00f3n del fallo proferido \u00a0por el Juzgado Cuarto Penal del Circuito de Barranquilla, dentro de la acci\u00f3n de tutela instaurada por la se\u00f1ora Ang\u00e9lica del Carmen Rodr\u00edguez Caicedo contra ...<br \/><div class=\"pt-cv-rmwrap\"><a href=\"https:\/\/www.dmsjuridica.com\/buscador_20179478954\/corteconstitucionalcronologico202454587\/t-1195-03\/\" class=\"_self pt-cv-readmore btn btn-success\" target=\"_self\">Ver Sentencia Completa...<\/a><\/div><\/div><\/div><\/div>\n<div class=\"col-md-12 col-sm-12 col-xs-12 pt-cv-content-item pt-cv-1-col\" ><div class='pt-cv-ifield'><a href=\"https:\/\/www.dmsjuridica.com\/buscador_20179478954\/corteconstitucionalcronologico202454587\/t-1194-03\/\" class=\"_self pt-cv-href-thumbnail pt-cv-thumb-default\" target=\"_self\" ><\/a>\n<div class=\"pt-cv-taxoterm above_title\"><a href='https:\/\/www.dmsjuridica.com\/buscador_20179478954\/corteconstitucionalcronologico202454587\/category\/buscar-en-toda-la-corte\/2003\/tutelas-2003\/' title='Tutelas 2003' class='pt-cv-tax-tutelas-2003'>Tutelas 2003<\/a><\/div>\n<h4 class=\"pt-cv-title\"><a href=\"https:\/\/www.dmsjuridica.com\/buscador_20179478954\/corteconstitucionalcronologico202454587\/t-1194-03\/\" class=\"_self\" target=\"_self\" >T-1194-03<\/a><\/h4>\n<div class=\"pt-cv-content\">\u00a0 \u00a0 Sentencia T-1194\/03 \u00a0 DESPLAZADOS INTERNOS-Posibilidad de interponer acciones de tutela por medio de asociaciones \u00a0 ACCION DE TUTELA-Procedencia cuando es interpuesta por asociaci\u00f3n de desplazados que act\u00faan en representaci\u00f3n de sus asociados \u00a0 La Corte Constitucional considera procedente la acci\u00f3n de tutela que interponen asociaciones conformadas por personas desplazadas por la violencia, para la defensa de sus propios derechos. En esta situaci\u00f3n no desaparece el car\u00e1cter individual de los derechos objeto de defensa, sino que se presenta una respuesta organizada en torno a un problema com\u00fan. Sobre el particular, debe tenerse en cuenta que en sentencias T-241 y ...<br \/><div class=\"pt-cv-rmwrap\"><a href=\"https:\/\/www.dmsjuridica.com\/buscador_20179478954\/corteconstitucionalcronologico202454587\/t-1194-03\/\" class=\"_self pt-cv-readmore btn btn-success\" target=\"_self\">Ver Sentencia Completa...<\/a><\/div><\/div><\/div><\/div>\n<div class=\"col-md-12 col-sm-12 col-xs-12 pt-cv-content-item pt-cv-1-col\" ><div class='pt-cv-ifield'><a href=\"https:\/\/www.dmsjuridica.com\/buscador_20179478954\/corteconstitucionalcronologico202454587\/t-1193-03\/\" class=\"_self pt-cv-href-thumbnail pt-cv-thumb-default\" target=\"_self\" ><\/a>\n<div class=\"pt-cv-taxoterm above_title\"><a href='https:\/\/www.dmsjuridica.com\/buscador_20179478954\/corteconstitucionalcronologico202454587\/category\/buscar-en-toda-la-corte\/2003\/tutelas-2003\/' title='Tutelas 2003' class='pt-cv-tax-tutelas-2003'>Tutelas 2003<\/a><\/div>\n<h4 class=\"pt-cv-title\"><a href=\"https:\/\/www.dmsjuridica.com\/buscador_20179478954\/corteconstitucionalcronologico202454587\/t-1193-03\/\" class=\"_self\" target=\"_self\" >T-1193-03<\/a><\/h4>\n<div class=\"pt-cv-content\">\u00a0 \u00a0 Sentencia T-1193\/03 \u00a0 ACCION DE TUTELA CONTRA EMPRESA-Procedencia \u00a0 Resulta indispensable que de los hechos que motivaron la acci\u00f3n de tutela se demuestre claramente que el accionante se encuentre expuesto a una situaci\u00f3n de subordinaci\u00f3n o indefensi\u00f3n. Probada dicha situaci\u00f3n y advertida la procedibilidad de la acci\u00f3n de tutela contra el particular accionado, el juez de tutela podr\u00e1 entrar a efectuar el correspondiente an\u00e1lisis sobre la eventual violaci\u00f3n de los derechos fundamentales del peticionario. \u00a0 DERECHO DE PETICION ANTE EMPRESA PRIVADA-Respuesta oportuna y de fondo\/DERECHO DE PETICION ANTE ORGANIZACIONES PRIVADAS-Dignidad del trabajador hace exigible respuesta de particulares\/DERECHO DE ...<br \/><div class=\"pt-cv-rmwrap\"><a href=\"https:\/\/www.dmsjuridica.com\/buscador_20179478954\/corteconstitucionalcronologico202454587\/t-1193-03\/\" class=\"_self pt-cv-readmore btn btn-success\" target=\"_self\">Ver Sentencia Completa...<\/a><\/div><\/div><\/div><\/div>\n<div class=\"col-md-12 col-sm-12 col-xs-12 pt-cv-content-item pt-cv-1-col\" ><div class='pt-cv-ifield'><a href=\"https:\/\/www.dmsjuridica.com\/buscador_20179478954\/corteconstitucionalcronologico202454587\/t-1192-03\/\" class=\"_self pt-cv-href-thumbnail pt-cv-thumb-default\" target=\"_self\" ><\/a>\n<div class=\"pt-cv-taxoterm above_title\"><a href='https:\/\/www.dmsjuridica.com\/buscador_20179478954\/corteconstitucionalcronologico202454587\/category\/buscar-en-toda-la-corte\/2003\/tutelas-2003\/' title='Tutelas 2003' class='pt-cv-tax-tutelas-2003'>Tutelas 2003<\/a><\/div>\n<h4 class=\"pt-cv-title\"><a href=\"https:\/\/www.dmsjuridica.com\/buscador_20179478954\/corteconstitucionalcronologico202454587\/t-1192-03\/\" class=\"_self\" target=\"_self\" >T-1192-03<\/a><\/h4>\n<div class=\"pt-cv-content\">\u00a0 \u00a0 Sentencia T-1192\/03 \u00a0 DERECHO A APELAR SENTENCIAS CONDENATORIAS-Fundamental \u00a0 En el contexto de los procesos penales, el derecho a impugnar la sentencia condenatoria adquiere car\u00e1cter fundamental. Ello implica que, al igual que respecto de los restantes derechos fundamentales, el Estado tiene la obligaci\u00f3n de garantizar la efectividad de tal derecho. Es decir, la oportunidad para impugnar ha de ser real, tanto normativamente como emp\u00edricamente. Por lo mismo, no basta la consagraci\u00f3n de la existencia de una oportunidad para impugnar, sino que el juez y quienes intervienen en el proceso, han de asegurar que el procesado efectivamente pueda hacerlo ...<br \/><div class=\"pt-cv-rmwrap\"><a href=\"https:\/\/www.dmsjuridica.com\/buscador_20179478954\/corteconstitucionalcronologico202454587\/t-1192-03\/\" class=\"_self pt-cv-readmore btn btn-success\" target=\"_self\">Ver Sentencia Completa...<\/a><\/div><\/div><\/div><\/div>\n<div class=\"col-md-12 col-sm-12 col-xs-12 pt-cv-content-item pt-cv-1-col\" ><div class='pt-cv-ifield'><a href=\"https:\/\/www.dmsjuridica.com\/buscador_20179478954\/corteconstitucionalcronologico202454587\/t-1191-03\/\" class=\"_self pt-cv-href-thumbnail pt-cv-thumb-default\" target=\"_self\" ><\/a>\n<div class=\"pt-cv-taxoterm above_title\"><a href='https:\/\/www.dmsjuridica.com\/buscador_20179478954\/corteconstitucionalcronologico202454587\/category\/buscar-en-toda-la-corte\/2003\/tutelas-2003\/' title='Tutelas 2003' class='pt-cv-tax-tutelas-2003'>Tutelas 2003<\/a><\/div>\n<h4 class=\"pt-cv-title\"><a href=\"https:\/\/www.dmsjuridica.com\/buscador_20179478954\/corteconstitucionalcronologico202454587\/t-1191-03\/\" class=\"_self\" target=\"_self\" >T-1191-03<\/a><\/h4>\n<div class=\"pt-cv-content\">\u00a0 \u00a0 Sentencia T-1191\/03 \u00a0 DERECHO A MANTENER EL PODER ADQUISITIVO DE LAS PENSIONES-Criterios de orden constitucional para garantizar unificaci\u00f3n de jurisprudencia \u00a0 Se deben hacer expl\u00edcitos ciertos criterios de orden constitucional orientados a garantizar la unificaci\u00f3n de la jurisprudencia sobre el derecho a mantener el poder adquisitivo de las pensiones (ver consideraciones 7.2 y 7.3 de la sentencia). Estos criterios son: \u00a0(i) el mandato del art\u00edculo 48 de la Constituci\u00f3n, consistente en que el legislador debe definir \u201clos medios para que los recursos destinados a la seguridad social mantengan su valor adquisitivo constante\u201d; (ii) el mandato del art\u00edculo 53 ...<br \/><div class=\"pt-cv-rmwrap\"><a href=\"https:\/\/www.dmsjuridica.com\/buscador_20179478954\/corteconstitucionalcronologico202454587\/t-1191-03\/\" class=\"_self pt-cv-readmore btn btn-success\" target=\"_self\">Ver Sentencia Completa...<\/a><\/div><\/div><\/div><\/div>\n<div class=\"col-md-12 col-sm-12 col-xs-12 pt-cv-content-item pt-cv-1-col\" ><div class='pt-cv-ifield'><a href=\"https:\/\/www.dmsjuridica.com\/buscador_20179478954\/corteconstitucionalcronologico202454587\/t-1190-03\/\" class=\"_self pt-cv-href-thumbnail pt-cv-thumb-default\" target=\"_self\" ><\/a>\n<div class=\"pt-cv-taxoterm above_title\"><a href='https:\/\/www.dmsjuridica.com\/buscador_20179478954\/corteconstitucionalcronologico202454587\/category\/buscar-en-toda-la-corte\/2003\/tutelas-2003\/' title='Tutelas 2003' class='pt-cv-tax-tutelas-2003'>Tutelas 2003<\/a><\/div>\n<h4 class=\"pt-cv-title\"><a href=\"https:\/\/www.dmsjuridica.com\/buscador_20179478954\/corteconstitucionalcronologico202454587\/t-1190-03\/\" class=\"_self\" target=\"_self\" >T-1190-03<\/a><\/h4>\n<div class=\"pt-cv-content\">\u00a0 \u00a0 Sentencia T-1190\/03 \u00a0 DERECHO DE LOS INTERNOS AL TRABAJO-Alcance \u00a0 DOCTRINA CONSTITUCIONAL SOBRE RELACIONES DE ESPECIAL SUJECION ENTRE LOS INTERNOS Y EL ESTADO-Caracter\u00edsticas \u00a0 La Sala ha identificado seis elementos caracter\u00edsticos de este tipo especial de relaciones que se pueden presentar como sigue: Las relaciones de especial sujeci\u00f3n implican (i) la subordinaci\u00f3nde una parte (el recluso), a la otra (el Estado); (ii) esta subordinaci\u00f3n se concreta en el sometimiento del interno a un r\u00e9gimen jur\u00eddico especial (controles disciplinarios y administrativos especiales y posibilidad de limitar el ejercicio de derechos, incluso los fundamentales). (iii) Este r\u00e9gimen especial, en todo ...<br \/><div class=\"pt-cv-rmwrap\"><a href=\"https:\/\/www.dmsjuridica.com\/buscador_20179478954\/corteconstitucionalcronologico202454587\/t-1190-03\/\" class=\"_self pt-cv-readmore btn btn-success\" target=\"_self\">Ver Sentencia Completa...<\/a><\/div><\/div><\/div><\/div>\n<div class=\"col-md-12 col-sm-12 col-xs-12 pt-cv-content-item pt-cv-1-col\" ><div class='pt-cv-ifield'><a href=\"https:\/\/www.dmsjuridica.com\/buscador_20179478954\/corteconstitucionalcronologico202454587\/t-119-03\/\" class=\"_self pt-cv-href-thumbnail pt-cv-thumb-default\" target=\"_self\" ><\/a>\n<div class=\"pt-cv-taxoterm above_title\"><a href='https:\/\/www.dmsjuridica.com\/buscador_20179478954\/corteconstitucionalcronologico202454587\/category\/buscar-en-toda-la-corte\/2003\/tutelas-2003\/' title='Tutelas 2003' class='pt-cv-tax-tutelas-2003'>Tutelas 2003<\/a><\/div>\n<h4 class=\"pt-cv-title\"><a href=\"https:\/\/www.dmsjuridica.com\/buscador_20179478954\/corteconstitucionalcronologico202454587\/t-119-03\/\" class=\"_self\" target=\"_self\" >T-119-03<\/a><\/h4>\n<div class=\"pt-cv-content\">\u00a0 \u00a0 Sentencia T-119\/03 \u00a0 ACCION DE TUTELA-Improcedencia contra actos de car\u00e1cter general, impersonal y abstracto \u00a0 JURISDICCION CONTENCIOSO ADMINISTRATIVA-Cuestionamiento sobre legalidad de acuerdos municipales\/ACCION DE TUTELA-Improcedencia sobre legalidad de acuerdos municipales \u00a0 ACUERDO MUNICIPAL Y ACTOS DE ALCALDE-Control \u00a0 DEBIDO PROCESO-Vulneraci\u00f3n respecto de sujetos procesales \u00a0 La acci\u00f3n de tutela contra decisiones judiciales procede cuando se vulnera el debido proceso, de manera tal que la sentencia configura una v\u00eda de hecho. Pero la afectaci\u00f3n de este derecho solamente puede predicarse de los sujetos procesales, en particular del gobernador o los terceros que hubieren intervenido, mas no de quienes fueron ...<br \/><div class=\"pt-cv-rmwrap\"><a href=\"https:\/\/www.dmsjuridica.com\/buscador_20179478954\/corteconstitucionalcronologico202454587\/t-119-03\/\" class=\"_self pt-cv-readmore btn btn-success\" target=\"_self\">Ver Sentencia Completa...<\/a><\/div><\/div><\/div><\/div>\n<div class=\"col-md-12 col-sm-12 col-xs-12 pt-cv-content-item pt-cv-1-col\" ><div class='pt-cv-ifield'><a href=\"https:\/\/www.dmsjuridica.com\/buscador_20179478954\/corteconstitucionalcronologico202454587\/t-1189-03\/\" class=\"_self pt-cv-href-thumbnail pt-cv-thumb-default\" target=\"_self\" ><\/a>\n<div class=\"pt-cv-taxoterm above_title\"><a href='https:\/\/www.dmsjuridica.com\/buscador_20179478954\/corteconstitucionalcronologico202454587\/category\/buscar-en-toda-la-corte\/2003\/tutelas-2003\/' title='Tutelas 2003' class='pt-cv-tax-tutelas-2003'>Tutelas 2003<\/a><\/div>\n<h4 class=\"pt-cv-title\"><a href=\"https:\/\/www.dmsjuridica.com\/buscador_20179478954\/corteconstitucionalcronologico202454587\/t-1189-03\/\" class=\"_self\" target=\"_self\" >T-1189-03<\/a><\/h4>\n<div class=\"pt-cv-content\">\u00a0 \u00a0 Sentencia T-1189\/03 \u00a0 ACCION DE TUTELA-Procedencia frente a personas determinadas o determinables \u00a0 En el caso de la demanda presentada por el Gerente o representante legal del Hospital, es evidente que el grupo de personas que se encontraban hospitalizadas el 27 de junio de 2003, corresponde a una pluralidad en la cual se puede individualizar a cada uno de sus miembros, a partir del registro que la instituci\u00f3n lleva a cabo al momento de ingresar los pacientes. \u00a0 ACCION DE TUTELA DE PERSONA JURIDICA-Titular de derechos fundamentales \u00a0 La jurisprudencia de la Corte Constitucional ha reiterado que las ...<br \/><div class=\"pt-cv-rmwrap\"><a href=\"https:\/\/www.dmsjuridica.com\/buscador_20179478954\/corteconstitucionalcronologico202454587\/t-1189-03\/\" class=\"_self pt-cv-readmore btn btn-success\" target=\"_self\">Ver Sentencia Completa...<\/a><\/div><\/div><\/div><\/div>\n<div class=\"col-md-12 col-sm-12 col-xs-12 pt-cv-content-item pt-cv-1-col\" ><div class='pt-cv-ifield'><a href=\"https:\/\/www.dmsjuridica.com\/buscador_20179478954\/corteconstitucionalcronologico202454587\/t-1187-03\/\" class=\"_self pt-cv-href-thumbnail pt-cv-thumb-default\" target=\"_self\" ><\/a>\n<div class=\"pt-cv-taxoterm above_title\"><a href='https:\/\/www.dmsjuridica.com\/buscador_20179478954\/corteconstitucionalcronologico202454587\/category\/buscar-en-toda-la-corte\/2003\/tutelas-2003\/' title='Tutelas 2003' class='pt-cv-tax-tutelas-2003'>Tutelas 2003<\/a><\/div>\n<h4 class=\"pt-cv-title\"><a href=\"https:\/\/www.dmsjuridica.com\/buscador_20179478954\/corteconstitucionalcronologico202454587\/t-1187-03\/\" class=\"_self\" target=\"_self\" >T-1187-03<\/a><\/h4>\n<div class=\"pt-cv-content\">\u00a0 \u00a0 Sentencia T-1187\/03 \u00a0 PERJUICIO IRREMEDIABLE-Elementos \u00a0 Los elementos del perjuicio irremediable puestos de presente por esta Corporaci\u00f3n son los siguientes: 1) que se producir\u00e1 de manera cierta y evidente sobre un derecho fundamental; 2) que de ocurrir no existir\u00eda forma de reparar el da\u00f1o producido; 3) que su ocurrencia sea inminente; 4) que resulta urgente la medida de protecci\u00f3n para que el sujeto supere la condici\u00f3n de amenaza en la que se encuentra; y, 5) que la gravedad de los hechos sea de tal magnitud que haga evidente la impostergabilidad de la tutela como mecanismo necesario para la ...<br \/><div class=\"pt-cv-rmwrap\"><a href=\"https:\/\/www.dmsjuridica.com\/buscador_20179478954\/corteconstitucionalcronologico202454587\/t-1187-03\/\" class=\"_self pt-cv-readmore btn btn-success\" target=\"_self\">Ver Sentencia Completa...<\/a><\/div><\/div><\/div><\/div>\n<div class=\"col-md-12 col-sm-12 col-xs-12 pt-cv-content-item pt-cv-1-col\" ><div class='pt-cv-ifield'><a href=\"https:\/\/www.dmsjuridica.com\/buscador_20179478954\/corteconstitucionalcronologico202454587\/t-1186-03\/\" class=\"_self pt-cv-href-thumbnail pt-cv-thumb-default\" target=\"_self\" ><\/a>\n<div class=\"pt-cv-taxoterm above_title\"><a href='https:\/\/www.dmsjuridica.com\/buscador_20179478954\/corteconstitucionalcronologico202454587\/category\/buscar-en-toda-la-corte\/2003\/tutelas-2003\/' title='Tutelas 2003' class='pt-cv-tax-tutelas-2003'>Tutelas 2003<\/a><\/div>\n<h4 class=\"pt-cv-title\"><a href=\"https:\/\/www.dmsjuridica.com\/buscador_20179478954\/corteconstitucionalcronologico202454587\/t-1186-03\/\" class=\"_self\" target=\"_self\" >T-1186-03<\/a><\/h4>\n<div class=\"pt-cv-content\">\u00a0 \u00a0 Sentencia T-1186\/03 \u00a0 PRINCIPIO NO REFORMATIO IN PEJUS Y PRINCIPIO DE LEGALIDAD-Confrontaci\u00f3n\u00a0 \u00a0 La tensi\u00f3n entre la proscripci\u00f3n de la reforma en perjuicio del condenado y el principio de legalidad gener\u00f3 l\u00edneas jurisprudenciales en dos situaciones claramente diferenciables. \u00a0La primera de estas situaciones es la agravaci\u00f3n de la pena en contra del condenado asistido de la calidad de apelante \u00fanico. Y la segunda, la agravaci\u00f3n de la pena en contra del condenado tambi\u00e9n asistido de la calidad de apelante \u00fanico pero procesado por un delito sometido al grado jurisdiccional de consulta. Respecto de la primera situaci\u00f3n, la jurisprudencia ...<br \/><div class=\"pt-cv-rmwrap\"><a href=\"https:\/\/www.dmsjuridica.com\/buscador_20179478954\/corteconstitucionalcronologico202454587\/t-1186-03\/\" class=\"_self pt-cv-readmore btn btn-success\" target=\"_self\">Ver Sentencia Completa...<\/a><\/div><\/div><\/div><\/div>\n<div class=\"col-md-12 col-sm-12 col-xs-12 pt-cv-content-item pt-cv-1-col\" ><div class='pt-cv-ifield'><a href=\"https:\/\/www.dmsjuridica.com\/buscador_20179478954\/corteconstitucionalcronologico202454587\/t-1185-03\/\" class=\"_self pt-cv-href-thumbnail pt-cv-thumb-default\" target=\"_self\" ><\/a>\n<div class=\"pt-cv-taxoterm above_title\"><a href='https:\/\/www.dmsjuridica.com\/buscador_20179478954\/corteconstitucionalcronologico202454587\/category\/buscar-en-toda-la-corte\/2003\/tutelas-2003\/' title='Tutelas 2003' class='pt-cv-tax-tutelas-2003'>Tutelas 2003<\/a><\/div>\n<h4 class=\"pt-cv-title\"><a href=\"https:\/\/www.dmsjuridica.com\/buscador_20179478954\/corteconstitucionalcronologico202454587\/t-1185-03\/\" class=\"_self\" target=\"_self\" >T-1185-03<\/a><\/h4>\n<div class=\"pt-cv-content\">\u00a0 \u00a0 Sentencia T-1185\/03 \u00a0 DERECHO A LA ESTABILIDAD LABORAL REFORZADA DE MUJER EMBARAZADA-Protecci\u00f3n constitucional se hace extensiva igualmente frente al aborto \u00a0 El aborto con posterioridad al despido de la accionante no determina la improcedencia de la tutela cuando se verifiquen los presupuestos de la estabilidad laboral reforzada de la mujer embarazada. En primer lugar, la protecci\u00f3n especial consagrada en los art\u00edculos 25 y 43 de la Constituci\u00f3n va dirigida a la mujer embarazada y comprende el estado de gravidez y la posterior licencia de maternidad; en segundo lugar, la legislaci\u00f3n laboral consagra tambi\u00e9n un per\u00edodo de licencia en ...<br \/><div class=\"pt-cv-rmwrap\"><a href=\"https:\/\/www.dmsjuridica.com\/buscador_20179478954\/corteconstitucionalcronologico202454587\/t-1185-03\/\" class=\"_self pt-cv-readmore btn btn-success\" target=\"_self\">Ver Sentencia Completa...<\/a><\/div><\/div><\/div><\/div>\n<div class=\"col-md-12 col-sm-12 col-xs-12 pt-cv-content-item pt-cv-1-col\" ><div class='pt-cv-ifield'><a href=\"https:\/\/www.dmsjuridica.com\/buscador_20179478954\/corteconstitucionalcronologico202454587\/t-1184-03\/\" class=\"_self pt-cv-href-thumbnail pt-cv-thumb-default\" target=\"_self\" ><\/a>\n<div class=\"pt-cv-taxoterm above_title\"><a href='https:\/\/www.dmsjuridica.com\/buscador_20179478954\/corteconstitucionalcronologico202454587\/category\/buscar-en-toda-la-corte\/2003\/tutelas-2003\/' title='Tutelas 2003' class='pt-cv-tax-tutelas-2003'>Tutelas 2003<\/a><\/div>\n<h4 class=\"pt-cv-title\"><a href=\"https:\/\/www.dmsjuridica.com\/buscador_20179478954\/corteconstitucionalcronologico202454587\/t-1184-03\/\" class=\"_self\" target=\"_self\" >T-1184-03<\/a><\/h4>\n<div class=\"pt-cv-content\">\u00a0 \u00a0 Sentencia T-1184\/03 \u00a0 REVOCATORIA DIRECTA DE ACTO ADMINISTRATIVO PARTICULAR Y CONCRETO Y DEBIDO PROCESO-Alcance\u00a0 \u00a0 En el caso sujeto a revisi\u00f3n se advierte que la Administraci\u00f3n Distrital del Atl\u00e1ntico falt\u00f3 al \u00a0debido proceso y al principio de buena fe consagrados en los art\u00edculos 29 y 83 de la Constituci\u00f3n Pol\u00edtica, respectivamente, al revocar directamente y sin el consentimiento previo de la titular del derecho comprometido una situaci\u00f3n particular y concreta, como era el goce de su pensi\u00f3n de invalidez, no habi\u00e9ndose probado que fue obtenida por medios fraudulentos. Es claro, como lo advirti\u00f3 el fallador de segunda instancia, ...<br \/><div class=\"pt-cv-rmwrap\"><a href=\"https:\/\/www.dmsjuridica.com\/buscador_20179478954\/corteconstitucionalcronologico202454587\/t-1184-03\/\" class=\"_self pt-cv-readmore btn btn-success\" target=\"_self\">Ver Sentencia Completa...<\/a><\/div><\/div><\/div><\/div>\n<div class=\"col-md-12 col-sm-12 col-xs-12 pt-cv-content-item pt-cv-1-col\" ><div class='pt-cv-ifield'><a href=\"https:\/\/www.dmsjuridica.com\/buscador_20179478954\/corteconstitucionalcronologico202454587\/t-1183-03\/\" class=\"_self pt-cv-href-thumbnail pt-cv-thumb-default\" target=\"_self\" ><\/a>\n<div class=\"pt-cv-taxoterm above_title\"><a href='https:\/\/www.dmsjuridica.com\/buscador_20179478954\/corteconstitucionalcronologico202454587\/category\/buscar-en-toda-la-corte\/2003\/tutelas-2003\/' title='Tutelas 2003' class='pt-cv-tax-tutelas-2003'>Tutelas 2003<\/a><\/div>\n<h4 class=\"pt-cv-title\"><a href=\"https:\/\/www.dmsjuridica.com\/buscador_20179478954\/corteconstitucionalcronologico202454587\/t-1183-03\/\" class=\"_self\" target=\"_self\" >T-1183-03<\/a><\/h4>\n<div class=\"pt-cv-content\">\u00a0 \u00a0 Sentencia T-1183\/03 \u00a0 DERECHO DE PETICION-Derecho a recibir respuesta de fondo a solicitud de reconocimiento de pensi\u00f3n de jubilaci\u00f3n \u00a0 DERECHO A LA PENSION-La multiplicidad normativa no puede ser excusa para no reconocer un derecho \u00a0 El juez constitucional debe tener en cuenta que las diversas y dispersas disposiciones que se han expedido en materia de pensiones, est\u00e1n encaminadas a establecer la competencia para el reconocimiento de la pensi\u00f3n y por ello no pueden convertirse en obst\u00e1culo para el disfrute del derecho mismo. Mucho menos pueden servir de excusa para que las entidades comprometidas eludan su propia responsabilidad ...<br \/><div class=\"pt-cv-rmwrap\"><a href=\"https:\/\/www.dmsjuridica.com\/buscador_20179478954\/corteconstitucionalcronologico202454587\/t-1183-03\/\" class=\"_self pt-cv-readmore btn btn-success\" target=\"_self\">Ver Sentencia Completa...<\/a><\/div><\/div><\/div><\/div>\n<div class=\"col-md-12 col-sm-12 col-xs-12 pt-cv-content-item pt-cv-1-col\" ><div class='pt-cv-ifield'><a href=\"https:\/\/www.dmsjuridica.com\/buscador_20179478954\/corteconstitucionalcronologico202454587\/t-1182-03\/\" class=\"_self pt-cv-href-thumbnail pt-cv-thumb-default\" target=\"_self\" ><\/a>\n<div class=\"pt-cv-taxoterm above_title\"><a href='https:\/\/www.dmsjuridica.com\/buscador_20179478954\/corteconstitucionalcronologico202454587\/category\/buscar-en-toda-la-corte\/2003\/tutelas-2003\/' title='Tutelas 2003' class='pt-cv-tax-tutelas-2003'>Tutelas 2003<\/a><\/div>\n<h4 class=\"pt-cv-title\"><a href=\"https:\/\/www.dmsjuridica.com\/buscador_20179478954\/corteconstitucionalcronologico202454587\/t-1182-03\/\" class=\"_self\" target=\"_self\" >T-1182-03<\/a><\/h4>\n<div class=\"pt-cv-content\">\u00a0 \u00a0 Sentencia T-1182\/03 \u00a0 VIA DE HECHO EN ACTUACION ADMINISTRATIVA-Defecto sustantivo y f\u00e1ctico por aplicaci\u00f3n indebida de normas y apreciaci\u00f3n de pruebas impertinentes \u00a0 La Sala considera que si bien la actuaci\u00f3n administrativa a cargo de la entidad accionada es absolutamente regular desde el punto de vista procesal, como quiera que ha dado respuesta en forma oportuna a cada una de las solicitudes de la accionante notificando su decisi\u00f3n de manera correcta, incurre en una v\u00eda de hecho como consecuencia de vicios que lesionan el derecho fundamental al debido proceso de la accionante, pues est\u00e1 fundando su decisi\u00f3n en ...<br \/><div class=\"pt-cv-rmwrap\"><a href=\"https:\/\/www.dmsjuridica.com\/buscador_20179478954\/corteconstitucionalcronologico202454587\/t-1182-03\/\" class=\"_self pt-cv-readmore btn btn-success\" target=\"_self\">Ver Sentencia Completa...<\/a><\/div><\/div><\/div><\/div>\n<div class=\"col-md-12 col-sm-12 col-xs-12 pt-cv-content-item pt-cv-1-col\" ><div class='pt-cv-ifield'><a href=\"https:\/\/www.dmsjuridica.com\/buscador_20179478954\/corteconstitucionalcronologico202454587\/t-1181-03\/\" class=\"_self pt-cv-href-thumbnail pt-cv-thumb-default\" target=\"_self\" ><\/a>\n<div class=\"pt-cv-taxoterm above_title\"><a href='https:\/\/www.dmsjuridica.com\/buscador_20179478954\/corteconstitucionalcronologico202454587\/category\/buscar-en-toda-la-corte\/2003\/tutelas-2003\/' title='Tutelas 2003' class='pt-cv-tax-tutelas-2003'>Tutelas 2003<\/a><\/div>\n<h4 class=\"pt-cv-title\"><a href=\"https:\/\/www.dmsjuridica.com\/buscador_20179478954\/corteconstitucionalcronologico202454587\/t-1181-03\/\" class=\"_self\" target=\"_self\" >T-1181-03<\/a><\/h4>\n<div class=\"pt-cv-content\">\u00a0 \u00a0 Sentencia T-1181\/03 \u00a0 En aquellos eventos en los cuales la salud y la vida de las personas se encuentren grave y directamente comprometidas a causa de operaciones no realizadas, tratamientos inacabados, diagn\u00f3sticos dilatados, drogas no suministradas, bajo pretextos puramente econ\u00f3micos, a\u00fan contemplados en normas legales o reglamentarias, el juez de tutela deber\u00e1 amparar los mencionados derechos teniendo en cuenta la prevalencia de los preceptos constitucionales superiores \u00a0 DERECHO A LA SALUD DEL ENFERMO DE SIDA-Ex\u00e1menes de diagn\u00f3stico \u00a0 Es deber constitucional asegurar que el enfermo de SIDA reciba atenci\u00f3n integral y gratuita a cargo del Estado, a fin ...<br \/><div class=\"pt-cv-rmwrap\"><a href=\"https:\/\/www.dmsjuridica.com\/buscador_20179478954\/corteconstitucionalcronologico202454587\/t-1181-03\/\" class=\"_self pt-cv-readmore btn btn-success\" target=\"_self\">Ver Sentencia Completa...<\/a><\/div><\/div><\/div><\/div>\n<div class=\"col-md-12 col-sm-12 col-xs-12 pt-cv-content-item pt-cv-1-col\" ><div class='pt-cv-ifield'><a href=\"https:\/\/www.dmsjuridica.com\/buscador_20179478954\/corteconstitucionalcronologico202454587\/t-1180-03\/\" class=\"_self pt-cv-href-thumbnail pt-cv-thumb-default\" target=\"_self\" ><\/a>\n<div class=\"pt-cv-taxoterm above_title\"><a href='https:\/\/www.dmsjuridica.com\/buscador_20179478954\/corteconstitucionalcronologico202454587\/category\/buscar-en-toda-la-corte\/2003\/tutelas-2003\/' title='Tutelas 2003' class='pt-cv-tax-tutelas-2003'>Tutelas 2003<\/a><\/div>\n<h4 class=\"pt-cv-title\"><a href=\"https:\/\/www.dmsjuridica.com\/buscador_20179478954\/corteconstitucionalcronologico202454587\/t-1180-03\/\" class=\"_self\" target=\"_self\" >T-1180-03<\/a><\/h4>\n<div class=\"pt-cv-content\">\u00a0 \u00a0 Sentencia T-1180\/03 \u00a0 DERECHO A LA SALUD-Vulneraci\u00f3n por parte de A.R.P \u00a0 DERECHO A LA SALUD-Inoponibilidad de discrepancias jur\u00eddicas entre entidades de previsi\u00f3n social frente a derechos fundamentales de una persona \u00a0 Teniendo en cuenta que el deber de protecci\u00f3n por parte de las administradoras de riesgos profesionales es de car\u00e1cter integral y en tal sentido deben garantizar el derecho a la salud de sus afiliados, vulnerado en esta oportunidad por Colpatria ARP, ya que \u00e9sta se niega a la prestaci\u00f3n de los servicios asistenciales que requiere el accionante para el tratamiento de su enfermedad, amparada en que ...<br \/><div class=\"pt-cv-rmwrap\"><a href=\"https:\/\/www.dmsjuridica.com\/buscador_20179478954\/corteconstitucionalcronologico202454587\/t-1180-03\/\" class=\"_self pt-cv-readmore btn btn-success\" target=\"_self\">Ver Sentencia Completa...<\/a><\/div><\/div><\/div><\/div>\n<div class=\"col-md-12 col-sm-12 col-xs-12 pt-cv-content-item pt-cv-1-col\" ><div class='pt-cv-ifield'><a href=\"https:\/\/www.dmsjuridica.com\/buscador_20179478954\/corteconstitucionalcronologico202454587\/t-118-03\/\" class=\"_self pt-cv-href-thumbnail pt-cv-thumb-default\" target=\"_self\" ><\/a>\n<div class=\"pt-cv-taxoterm above_title\"><a href='https:\/\/www.dmsjuridica.com\/buscador_20179478954\/corteconstitucionalcronologico202454587\/category\/buscar-en-toda-la-corte\/2003\/tutelas-2003\/' title='Tutelas 2003' class='pt-cv-tax-tutelas-2003'>Tutelas 2003<\/a><\/div>\n<h4 class=\"pt-cv-title\"><a href=\"https:\/\/www.dmsjuridica.com\/buscador_20179478954\/corteconstitucionalcronologico202454587\/t-118-03\/\" class=\"_self\" target=\"_self\" >T-118-03<\/a><\/h4>\n<div class=\"pt-cv-content\">\u00a0 \u00a0 Sentencia T-118\/03 \u00a0 LICENCIA DE MATERNIDAD-Procedencia excepcional de tutela para el pago \u00a0 LICENCIA DE MATERNIDAD-Pago por tutela cuando afecta el m\u00ednimo vital de la madre y su hijo \u00a0 ACCION DE TUTELA-Improcedencia por no ejercicio oportuno\u00a0 \u00a0 Reiteraci\u00f3n de Jurisprudencia \u00a0 Referencia: expediente T-668672 \u00a0 Acci\u00f3n de tutela instaurada por Gloria Cordero Barrera contra SOLSALUD E.P.S.. \u00a0 Magistrada Ponente: \u00a0 Dra. CLARA INES VARGAS HERNANDEZ \u00a0 Bogot\u00e1, D.C., trece (13) de febrero de dos mil tres (2003). \u00a0 La Sala Novena de Revisi\u00f3n de la Corte Constitucional, en ejercicio de sus competencias constitucionales y legales, en particular ...<br \/><div class=\"pt-cv-rmwrap\"><a href=\"https:\/\/www.dmsjuridica.com\/buscador_20179478954\/corteconstitucionalcronologico202454587\/t-118-03\/\" class=\"_self pt-cv-readmore btn btn-success\" target=\"_self\">Ver Sentencia Completa...<\/a><\/div><\/div><\/div><\/div>\n<div class=\"col-md-12 col-sm-12 col-xs-12 pt-cv-content-item pt-cv-1-col\" ><div class='pt-cv-ifield'><a href=\"https:\/\/www.dmsjuridica.com\/buscador_20179478954\/corteconstitucionalcronologico202454587\/t-1179-03\/\" class=\"_self pt-cv-href-thumbnail pt-cv-thumb-default\" target=\"_self\" ><\/a>\n<div class=\"pt-cv-taxoterm above_title\"><a href='https:\/\/www.dmsjuridica.com\/buscador_20179478954\/corteconstitucionalcronologico202454587\/category\/buscar-en-toda-la-corte\/2003\/tutelas-2003\/' title='Tutelas 2003' class='pt-cv-tax-tutelas-2003'>Tutelas 2003<\/a><\/div>\n<h4 class=\"pt-cv-title\"><a href=\"https:\/\/www.dmsjuridica.com\/buscador_20179478954\/corteconstitucionalcronologico202454587\/t-1179-03\/\" class=\"_self\" target=\"_self\" >T-1179-03<\/a><\/h4>\n<div class=\"pt-cv-content\">\u00a0 \u00a0 Sentencia T-1179\/03 \u00a0 ACCION DE TUTELA CONTRA PROVIDENCIAS JUDICIALES-Procedencia excepcional\/VIA DE HECHO-Procedencia excepcional de tutela \u00a0 VIA DE HECHO-Clases de defectos en la actuaci\u00f3n \u00a0 DERECHO DE DEFENSA DEL TRABAJADOR-Garant\u00edas en el procedimiento para retirar del cargo a empleado del Inpec \u00a0 DEBIDO PROCESO-Despido de trabajador con fuero del Inpec por participaci\u00f3n en cese ilegal de actividades\u00a0 \u00a0 TRABAJADOR SINDICALIZADO-Despido sin calificaci\u00f3n judicial por participar en cese ilegal de actividades \u00a0 DEBIDO PROCESO Y DERECHO DE DEFENSA-Procedimiento y condiciones para retirar a trabajador con fuero del Inpec \u00a0 VIA DE HECHO-Defecto sustantivo por falta de consideraci\u00f3n de prueba ...<br \/><div class=\"pt-cv-rmwrap\"><a href=\"https:\/\/www.dmsjuridica.com\/buscador_20179478954\/corteconstitucionalcronologico202454587\/t-1179-03\/\" class=\"_self pt-cv-readmore btn btn-success\" target=\"_self\">Ver Sentencia Completa...<\/a><\/div><\/div><\/div><\/div>\n<div class=\"col-md-12 col-sm-12 col-xs-12 pt-cv-content-item pt-cv-1-col\" ><div class='pt-cv-ifield'><a href=\"https:\/\/www.dmsjuridica.com\/buscador_20179478954\/corteconstitucionalcronologico202454587\/t-1178-03\/\" class=\"_self pt-cv-href-thumbnail pt-cv-thumb-default\" target=\"_self\" ><\/a>\n<div class=\"pt-cv-taxoterm above_title\"><a href='https:\/\/www.dmsjuridica.com\/buscador_20179478954\/corteconstitucionalcronologico202454587\/category\/buscar-en-toda-la-corte\/2003\/tutelas-2003\/' title='Tutelas 2003' class='pt-cv-tax-tutelas-2003'>Tutelas 2003<\/a><\/div>\n<h4 class=\"pt-cv-title\"><a href=\"https:\/\/www.dmsjuridica.com\/buscador_20179478954\/corteconstitucionalcronologico202454587\/t-1178-03\/\" class=\"_self\" target=\"_self\" >T-1178-03<\/a><\/h4>\n<div class=\"pt-cv-content\">\u00a0 \u00a0 Sentencia T-1178\/03 \u00a0 DERECHO A LA SALUD-Fundamental por conexidad con la vida \u00a0 Teniendo establecida la posibilidad que existe de tutelar el derecho a la salud en conexidad con la vida, es del caso se\u00f1alar como se hiciera en anteriores oportunidades, que el concepto de vida involucra un contenido que no descansa en la mera existencia biol\u00f3gica sino en el desarrollo vital en condiciones dignas. \u00a0Por tal raz\u00f3n, la protecci\u00f3n por v\u00eda de tutela resulta procedente no s\u00f3lo en aquellos eventos en que la persona se encuentra en grave peligro de muerte sino en aquellas circunstancias en las ...<br \/><div class=\"pt-cv-rmwrap\"><a href=\"https:\/\/www.dmsjuridica.com\/buscador_20179478954\/corteconstitucionalcronologico202454587\/t-1178-03\/\" class=\"_self pt-cv-readmore btn btn-success\" target=\"_self\">Ver Sentencia Completa...<\/a><\/div><\/div><\/div><\/div>\n<div class=\"col-md-12 col-sm-12 col-xs-12 pt-cv-content-item pt-cv-1-col\" ><div class='pt-cv-ifield'><a href=\"https:\/\/www.dmsjuridica.com\/buscador_20179478954\/corteconstitucionalcronologico202454587\/t-1177-03\/\" class=\"_self pt-cv-href-thumbnail pt-cv-thumb-default\" target=\"_self\" ><\/a>\n<div class=\"pt-cv-taxoterm above_title\"><a href='https:\/\/www.dmsjuridica.com\/buscador_20179478954\/corteconstitucionalcronologico202454587\/category\/buscar-en-toda-la-corte\/2003\/tutelas-2003\/' title='Tutelas 2003' class='pt-cv-tax-tutelas-2003'>Tutelas 2003<\/a><\/div>\n<h4 class=\"pt-cv-title\"><a href=\"https:\/\/www.dmsjuridica.com\/buscador_20179478954\/corteconstitucionalcronologico202454587\/t-1177-03\/\" class=\"_self\" target=\"_self\" >T-1177-03<\/a><\/h4>\n<div class=\"pt-cv-content\">\u00a0 \u00a0 Sentencia T-1177\/03 \u00a0 DERECHO A LA ESTABILIDAD LABORAL REFORZADA DE MUJER EMBARAZADA-Car\u00e1cter fundamental \u00a0 La jurisprudencia de la Corte en torno a la estabilidad laboral reforzada de la mujer embarazada, se contrae a la hip\u00f3tesis de la desvinculaci\u00f3n injustificada de la mujer embarazada de un determinado cargo o empleo p\u00fablico o privado. \u00a0 COOPERATIVAS DE TRABAJO ASOCIADO Y DESPIDO DE MUJER EMBARAZADA-Existencia de relaci\u00f3n entre Cooperativas y Cooperada no excluye relaci\u00f3n laboral \u00a0 La existencia de una relaci\u00f3n entre cooperativa y cooperado no excluye necesariamente que se de una relaci\u00f3n laboral entre cooperativa y cooperado y esto sucede ...<br \/><div class=\"pt-cv-rmwrap\"><a href=\"https:\/\/www.dmsjuridica.com\/buscador_20179478954\/corteconstitucionalcronologico202454587\/t-1177-03\/\" class=\"_self pt-cv-readmore btn btn-success\" target=\"_self\">Ver Sentencia Completa...<\/a><\/div><\/div><\/div><\/div>\n<div class=\"col-md-12 col-sm-12 col-xs-12 pt-cv-content-item pt-cv-1-col\" ><div class='pt-cv-ifield'><a href=\"https:\/\/www.dmsjuridica.com\/buscador_20179478954\/corteconstitucionalcronologico202454587\/t-1176-03\/\" class=\"_self pt-cv-href-thumbnail pt-cv-thumb-default\" target=\"_self\" ><\/a>\n<div class=\"pt-cv-taxoterm above_title\"><a href='https:\/\/www.dmsjuridica.com\/buscador_20179478954\/corteconstitucionalcronologico202454587\/category\/buscar-en-toda-la-corte\/2003\/tutelas-2003\/' title='Tutelas 2003' class='pt-cv-tax-tutelas-2003'>Tutelas 2003<\/a><\/div>\n<h4 class=\"pt-cv-title\"><a href=\"https:\/\/www.dmsjuridica.com\/buscador_20179478954\/corteconstitucionalcronologico202454587\/t-1176-03\/\" class=\"_self\" target=\"_self\" >T-1176-03<\/a><\/h4>\n<div class=\"pt-cv-content\">\u00a0 \u00a0 Sentencia T-1176\/03 \u00a0 Reiteraci\u00f3n de Jurisprudencia \u00a0 Referencia: expediente T-779138 \u00a0 Acci\u00f3n de tutela instaurada por Jos\u00e9 Dorance Cardona Zapata contra COOMEVA E.P.S.. \u00a0 Magistrado Ponente: \u00a0 Dr. JAIME ARA\u00daJO RENTER\u00cdA \u00a0 Bogot\u00e1, D. C., cuatro (4) de diciembre de dos mil tres (2003). \u00a0 La Sala Primera de Revisi\u00f3n de la Corte Constitucional, en ejercicio de sus competencias constitucionales y legales, en particular las contenidas en los art\u00edculos 86 y 241, numeral 9, de la Constituci\u00f3n y el Decreto 2591 de 1991, ha proferido la siguiente \u00a0 SENTENCIA \u00a0 dentro del proceso de revisi\u00f3n del fallo proferido ...<br \/><div class=\"pt-cv-rmwrap\"><a href=\"https:\/\/www.dmsjuridica.com\/buscador_20179478954\/corteconstitucionalcronologico202454587\/t-1176-03\/\" class=\"_self pt-cv-readmore btn btn-success\" target=\"_self\">Ver Sentencia Completa...<\/a><\/div><\/div><\/div><\/div>\n<div class=\"col-md-12 col-sm-12 col-xs-12 pt-cv-content-item pt-cv-1-col\" ><div class='pt-cv-ifield'><a href=\"https:\/\/www.dmsjuridica.com\/buscador_20179478954\/corteconstitucionalcronologico202454587\/t-1175-03\/\" class=\"_self pt-cv-href-thumbnail pt-cv-thumb-default\" target=\"_self\" ><\/a>\n<div class=\"pt-cv-taxoterm above_title\"><a href='https:\/\/www.dmsjuridica.com\/buscador_20179478954\/corteconstitucionalcronologico202454587\/category\/buscar-en-toda-la-corte\/2003\/tutelas-2003\/' title='Tutelas 2003' class='pt-cv-tax-tutelas-2003'>Tutelas 2003<\/a><\/div>\n<h4 class=\"pt-cv-title\"><a href=\"https:\/\/www.dmsjuridica.com\/buscador_20179478954\/corteconstitucionalcronologico202454587\/t-1175-03\/\" class=\"_self\" target=\"_self\" >T-1175-03<\/a><\/h4>\n<div class=\"pt-cv-content\">\u00a0 \u00a0 Sentencia T-1175\/03 \u00a0 ACCION DE TUTELA-Procedencia excepcional pago de acreencias laborales\u00a0 \u00a0 Vistos los anteriores hechos y confrontados con la jurisprudencia que sobre el particular ha desarrollado esta Corporaci\u00f3n, es evidente que la falta de pago de los salarios a la accionante durante m\u00e1s de ocho (8) meses consecutivos, hace presumir que su m\u00ednimo vital se ha afectado, m\u00e1xime cuando de su salario dependen otras personas que conforman su n\u00facleo familiar. Si bien el Alcalde Municipal considera que su conducta no atenta contra el derecho al m\u00ednimo vital de la accionante pues afirma que \u00e9sta tiene otros ingresos ...<br \/><div class=\"pt-cv-rmwrap\"><a href=\"https:\/\/www.dmsjuridica.com\/buscador_20179478954\/corteconstitucionalcronologico202454587\/t-1175-03\/\" class=\"_self pt-cv-readmore btn btn-success\" target=\"_self\">Ver Sentencia Completa...<\/a><\/div><\/div><\/div><\/div>\n<div class=\"col-md-12 col-sm-12 col-xs-12 pt-cv-content-item pt-cv-1-col\" ><div class='pt-cv-ifield'><a href=\"https:\/\/www.dmsjuridica.com\/buscador_20179478954\/corteconstitucionalcronologico202454587\/t-1174-03\/\" class=\"_self pt-cv-href-thumbnail pt-cv-thumb-default\" target=\"_self\" ><\/a>\n<div class=\"pt-cv-taxoterm above_title\"><a href='https:\/\/www.dmsjuridica.com\/buscador_20179478954\/corteconstitucionalcronologico202454587\/category\/buscar-en-toda-la-corte\/2003\/tutelas-2003\/' title='Tutelas 2003' class='pt-cv-tax-tutelas-2003'>Tutelas 2003<\/a><\/div>\n<h4 class=\"pt-cv-title\"><a href=\"https:\/\/www.dmsjuridica.com\/buscador_20179478954\/corteconstitucionalcronologico202454587\/t-1174-03\/\" class=\"_self\" target=\"_self\" >T-1174-03<\/a><\/h4>\n<div class=\"pt-cv-content\">\u00a0 \u00a0 Sentencia T-1174\/03 \u00a0 DERECHO A LA SALUD DEL INTERNO-Protecci\u00f3n por el Estado \u00a0 Cuando se trata de personas recluidas en los centros penitenciarios y carcelarios, el Estado asume la responsabilidad integral del cuidado, prevenci\u00f3n, conservaci\u00f3n y recuperaci\u00f3n de la salud de los internos, independientemente de que \u00e9stos se encuentren privados de la libertad a t\u00edtulo preventivo o de condena. \u00a0 Reiteraci\u00f3n de Jurisprudencia \u00a0 Referencia: expediente T-783290 \u00a0 Acci\u00f3n de tutela instaurada por Orlando de Jes\u00fas Yepes Alzate contra la Direcci\u00f3n del Complejo Penitenciario y Carcelario de Alta y Mediana Seguridad del Barne \u00a0y el Director del Instituto ...<br \/><div class=\"pt-cv-rmwrap\"><a href=\"https:\/\/www.dmsjuridica.com\/buscador_20179478954\/corteconstitucionalcronologico202454587\/t-1174-03\/\" class=\"_self pt-cv-readmore btn btn-success\" target=\"_self\">Ver Sentencia Completa...<\/a><\/div><\/div><\/div><\/div>\n<div class=\"col-md-12 col-sm-12 col-xs-12 pt-cv-content-item pt-cv-1-col\" ><div class='pt-cv-ifield'><a href=\"https:\/\/www.dmsjuridica.com\/buscador_20179478954\/corteconstitucionalcronologico202454587\/t-1173-03\/\" class=\"_self pt-cv-href-thumbnail pt-cv-thumb-default\" target=\"_self\" ><\/a>\n<div class=\"pt-cv-taxoterm above_title\"><a href='https:\/\/www.dmsjuridica.com\/buscador_20179478954\/corteconstitucionalcronologico202454587\/category\/buscar-en-toda-la-corte\/2003\/tutelas-2003\/' title='Tutelas 2003' class='pt-cv-tax-tutelas-2003'>Tutelas 2003<\/a><\/div>\n<h4 class=\"pt-cv-title\"><a href=\"https:\/\/www.dmsjuridica.com\/buscador_20179478954\/corteconstitucionalcronologico202454587\/t-1173-03\/\" class=\"_self\" target=\"_self\" >T-1173-03<\/a><\/h4>\n<div class=\"pt-cv-content\">\u00a0 \u00a0 Sentencia T-1173\/03 \u00a0 DERECHO A LA SALUD-Vulneraci\u00f3n por no prestaci\u00f3n de servicio urgente por falta de periodos m\u00ednimos de cotizaci\u00f3n \u00a0 Puede decirse que en casos como este, est\u00e1 comprobada la urgencia y la gravedad del tratamiento m\u00e9dico prescrito, raz\u00f3n por la que seg\u00fan la consolidada jurisprudencia de la Corte Constitucional, no es posible oponer periodos m\u00ednimos de cotizaci\u00f3n, pues todas las entidades de salud, tanto p\u00fablicas como privadas, est\u00e1n obligadas a prestar los servicios de salud a quienes los soliciten, tengan o no capacidad de pago. Tampoco existe norma legal que ampare la negativa de prestar el ...<br \/><div class=\"pt-cv-rmwrap\"><a href=\"https:\/\/www.dmsjuridica.com\/buscador_20179478954\/corteconstitucionalcronologico202454587\/t-1173-03\/\" class=\"_self pt-cv-readmore btn btn-success\" target=\"_self\">Ver Sentencia Completa...<\/a><\/div><\/div><\/div><\/div>\n<div class=\"col-md-12 col-sm-12 col-xs-12 pt-cv-content-item pt-cv-1-col\" ><div class='pt-cv-ifield'><a href=\"https:\/\/www.dmsjuridica.com\/buscador_20179478954\/corteconstitucionalcronologico202454587\/t-1172-03\/\" class=\"_self pt-cv-href-thumbnail pt-cv-thumb-default\" target=\"_self\" ><\/a>\n<div class=\"pt-cv-taxoterm above_title\"><a href='https:\/\/www.dmsjuridica.com\/buscador_20179478954\/corteconstitucionalcronologico202454587\/category\/buscar-en-toda-la-corte\/2003\/tutelas-2003\/' title='Tutelas 2003' class='pt-cv-tax-tutelas-2003'>Tutelas 2003<\/a><\/div>\n<h4 class=\"pt-cv-title\"><a href=\"https:\/\/www.dmsjuridica.com\/buscador_20179478954\/corteconstitucionalcronologico202454587\/t-1172-03\/\" class=\"_self\" target=\"_self\" >T-1172-03<\/a><\/h4>\n<div class=\"pt-cv-content\">\u00a0 \u00a0 Sentencia T-1172\/03 \u00a0 DERECHO AL RECONOCIMIENTO DE LA PERSONALIDAD JURIDICA Y A LA LIBRE ASOCIACION-No vulneraci\u00f3n \u00a0 DERECHO AL TRABAJO Y A ESCOGER PROFESION U OFICIO-Derechos sujetos al ordenamiento jur\u00eddico \u00a0 Para la Sala, es claro que el derecho al trabajo debe estar sujeto a las reglas establecidas por el ordenamiento jur\u00eddico y el Estado de Derecho, para poder ejercerse sin entrar en litigios con el inter\u00e9s general \u00a0que prevalece sobre el particular.\u00a0 \u00a0 Referencia: expediente T-773421 \u00a0 Acci\u00f3n de tutela de Juan Ferreira Chota, contra Alcald\u00eda Municipal de Leticia.\u00a0 \u00a0 Procedencia: Juzgado Penal del Circuito de Leticia ...<br \/><div class=\"pt-cv-rmwrap\"><a href=\"https:\/\/www.dmsjuridica.com\/buscador_20179478954\/corteconstitucionalcronologico202454587\/t-1172-03\/\" class=\"_self pt-cv-readmore btn btn-success\" target=\"_self\">Ver Sentencia Completa...<\/a><\/div><\/div><\/div><\/div>\n<div class=\"col-md-12 col-sm-12 col-xs-12 pt-cv-content-item pt-cv-1-col\" ><div class='pt-cv-ifield'><a href=\"https:\/\/www.dmsjuridica.com\/buscador_20179478954\/corteconstitucionalcronologico202454587\/t-1171-03\/\" class=\"_self pt-cv-href-thumbnail pt-cv-thumb-default\" target=\"_self\" ><\/a>\n<div class=\"pt-cv-taxoterm above_title\"><a href='https:\/\/www.dmsjuridica.com\/buscador_20179478954\/corteconstitucionalcronologico202454587\/category\/buscar-en-toda-la-corte\/2003\/tutelas-2003\/' title='Tutelas 2003' class='pt-cv-tax-tutelas-2003'>Tutelas 2003<\/a><\/div>\n<h4 class=\"pt-cv-title\"><a href=\"https:\/\/www.dmsjuridica.com\/buscador_20179478954\/corteconstitucionalcronologico202454587\/t-1171-03\/\" class=\"_self\" target=\"_self\" >T-1171-03<\/a><\/h4>\n<div class=\"pt-cv-content\">\u00a0 \u00a0 Sentencia T-1171\/03 \u00a0 DEBIDO PROCESO-Cumplimiento de sentencias\u00a0 \u00a0 PODER DE COERCION DEL JUEZ-Decreto de embargo y secuestro de bienes\/PODER DE EJECUCION DEL JUEZ-Facultad para hacer cumplir sus decisiones \u00a0 De los poderes que emanan de la jurisdicci\u00f3n se encuentra el poder de coerci\u00f3n, en virtud del cual el juez como conductor del proceso y garante de los derechos de las partes puede, entre otras cosas, decretar el embargo y secuestro de bienes y la entrega de bienes. Una vez se produce el fallo del juez, surge el poder de ejecuci\u00f3n el cual se refiere a la facultad del ...<br \/><div class=\"pt-cv-rmwrap\"><a href=\"https:\/\/www.dmsjuridica.com\/buscador_20179478954\/corteconstitucionalcronologico202454587\/t-1171-03\/\" class=\"_self pt-cv-readmore btn btn-success\" target=\"_self\">Ver Sentencia Completa...<\/a><\/div><\/div><\/div><\/div>\n<div class=\"col-md-12 col-sm-12 col-xs-12 pt-cv-content-item pt-cv-1-col\" ><div class='pt-cv-ifield'><a href=\"https:\/\/www.dmsjuridica.com\/buscador_20179478954\/corteconstitucionalcronologico202454587\/t-1170-03\/\" class=\"_self pt-cv-href-thumbnail pt-cv-thumb-default\" target=\"_self\" ><\/a>\n<div class=\"pt-cv-taxoterm above_title\"><a href='https:\/\/www.dmsjuridica.com\/buscador_20179478954\/corteconstitucionalcronologico202454587\/category\/buscar-en-toda-la-corte\/2003\/tutelas-2003\/' title='Tutelas 2003' class='pt-cv-tax-tutelas-2003'>Tutelas 2003<\/a><\/div>\n<h4 class=\"pt-cv-title\"><a href=\"https:\/\/www.dmsjuridica.com\/buscador_20179478954\/corteconstitucionalcronologico202454587\/t-1170-03\/\" class=\"_self\" target=\"_self\" >T-1170-03<\/a><\/h4>\n<div class=\"pt-cv-content\">DERECHO DE PETICION-T\u00e9rmino para resolver reconocimiento de pensi\u00f3n de vejez \u00a0 Referencia: expediente T-797859 \u00a0 Acci\u00f3n de tutela instaurada por Rose Mary Larra\u00f1aga Arciniegas contra el Seguro Social, Departamento de Atenci\u00f3n al Pensionado, Seccional Cundinamarca. \u00a0 Magistrado Ponente: \u00a0 Dr. ALFREDO BELTR\u00c1N SIERRA. \u00a0 Bogot\u00e1, D. C., cuatro (4) de diciembre de dos mil tres (2003). \u00a0 La Sala Segunda de Revisi\u00f3n de la Corte Constitucional, en ejercicio de sus competencias constitucionales y legales, ha proferido la siguiente\u00a0 \u00a0 SENTENCIA\u00a0 \u00a0 en el proceso de revisi\u00f3n del fallo adoptado por el Juzgado Cuarenta Penal del Circuito de Bogot\u00e1, de fecha ...<br \/><div class=\"pt-cv-rmwrap\"><a href=\"https:\/\/www.dmsjuridica.com\/buscador_20179478954\/corteconstitucionalcronologico202454587\/t-1170-03\/\" class=\"_self pt-cv-readmore btn btn-success\" target=\"_self\">Ver Sentencia Completa...<\/a><\/div><\/div><\/div><\/div>\n<div class=\"col-md-12 col-sm-12 col-xs-12 pt-cv-content-item pt-cv-1-col\" ><div class='pt-cv-ifield'><a href=\"https:\/\/www.dmsjuridica.com\/buscador_20179478954\/corteconstitucionalcronologico202454587\/t-117-03\/\" class=\"_self pt-cv-href-thumbnail pt-cv-thumb-default\" target=\"_self\" ><\/a>\n<div class=\"pt-cv-taxoterm above_title\"><a href='https:\/\/www.dmsjuridica.com\/buscador_20179478954\/corteconstitucionalcronologico202454587\/category\/buscar-en-toda-la-corte\/2003\/tutelas-2003\/' title='Tutelas 2003' class='pt-cv-tax-tutelas-2003'>Tutelas 2003<\/a><\/div>\n<h4 class=\"pt-cv-title\"><a href=\"https:\/\/www.dmsjuridica.com\/buscador_20179478954\/corteconstitucionalcronologico202454587\/t-117-03\/\" class=\"_self\" target=\"_self\" >T-117-03<\/a><\/h4>\n<div class=\"pt-cv-content\">\u00a0 \u00a0 Sentencia T-117\/03 \u00a0 JUICIO DE IGUALDAD-Trato diferenciado entre personas discapacitadas \u00a0 DERECHO A LA IGUALDAD DEL DISCAPACITADO-Reconocimiento de normas internacionales \u00a0 DISCRIMINACION-Naturaleza \u00a0 DISCRIMINACION POR OMISION DE TRATO ESPECIAL-Condiciones \u00a0 La discriminaci\u00f3n por omisi\u00f3n de trato m\u00e1s favorable presupone la existencia de ciertos condicionamientos. \u00a0Al respecto ha se\u00f1alado que para establecer si ha existido una violaci\u00f3n del derecho a la igualdad por omisi\u00f3n de trato favorable a las personas discapacitadas, es necesario verificar: primero, que se haya producido un acto -jur\u00eddico o de hecho- u omisi\u00f3n; segundo, que se presente una restricci\u00f3n injustificada o una carga desproporcionada sobre ...<br \/><div class=\"pt-cv-rmwrap\"><a href=\"https:\/\/www.dmsjuridica.com\/buscador_20179478954\/corteconstitucionalcronologico202454587\/t-117-03\/\" class=\"_self pt-cv-readmore btn btn-success\" target=\"_self\">Ver Sentencia Completa...<\/a><\/div><\/div><\/div><\/div>\n<div class=\"col-md-12 col-sm-12 col-xs-12 pt-cv-content-item pt-cv-1-col\" ><div class='pt-cv-ifield'><a href=\"https:\/\/www.dmsjuridica.com\/buscador_20179478954\/corteconstitucionalcronologico202454587\/t-1169-03\/\" class=\"_self pt-cv-href-thumbnail pt-cv-thumb-default\" target=\"_self\" ><\/a>\n<div class=\"pt-cv-taxoterm above_title\"><a href='https:\/\/www.dmsjuridica.com\/buscador_20179478954\/corteconstitucionalcronologico202454587\/category\/buscar-en-toda-la-corte\/2003\/tutelas-2003\/' title='Tutelas 2003' class='pt-cv-tax-tutelas-2003'>Tutelas 2003<\/a><\/div>\n<h4 class=\"pt-cv-title\"><a href=\"https:\/\/www.dmsjuridica.com\/buscador_20179478954\/corteconstitucionalcronologico202454587\/t-1169-03\/\" class=\"_self\" target=\"_self\" >T-1169-03<\/a><\/h4>\n<div class=\"pt-cv-content\">\u00a0 \u00a0 Sentencia T-1169\/03 \u00a0 ACCION DE TUTELA TEMERARIA-Caracter\u00edsticas de las demandas \u00a0 El art\u00edculo 38 del Decreto 2591 de 1991 establece que cuando sin motivo justificado la misma acci\u00f3n de tutela sea presentada por la misma persona ante varios jueces, se rechkmazar\u00e1n o resolver\u00e1n negativamente las solicitudes. \u00a0Ello es lo que se conoce como temeridad en el ejercicio de la tutela, para lo cual se requieren al menos las siguientes caracter\u00edsticas comunes en las demandas presentadas: (a) identidad de partes, (b) identidad de hechos, (c) identidad de derechos invocados y, adicionalmente, (d) que la tutela haya sido interpuesta nuevamente ...<br \/><div class=\"pt-cv-rmwrap\"><a href=\"https:\/\/www.dmsjuridica.com\/buscador_20179478954\/corteconstitucionalcronologico202454587\/t-1169-03\/\" class=\"_self pt-cv-readmore btn btn-success\" target=\"_self\">Ver Sentencia Completa...<\/a><\/div><\/div><\/div><\/div>\n<div class=\"col-md-12 col-sm-12 col-xs-12 pt-cv-content-item pt-cv-1-col\" ><div class='pt-cv-ifield'><a href=\"https:\/\/www.dmsjuridica.com\/buscador_20179478954\/corteconstitucionalcronologico202454587\/t-1168-03\/\" class=\"_self pt-cv-href-thumbnail pt-cv-thumb-default\" target=\"_self\" ><\/a>\n<div class=\"pt-cv-taxoterm above_title\"><a href='https:\/\/www.dmsjuridica.com\/buscador_20179478954\/corteconstitucionalcronologico202454587\/category\/buscar-en-toda-la-corte\/2003\/tutelas-2003\/' title='Tutelas 2003' class='pt-cv-tax-tutelas-2003'>Tutelas 2003<\/a><\/div>\n<h4 class=\"pt-cv-title\"><a href=\"https:\/\/www.dmsjuridica.com\/buscador_20179478954\/corteconstitucionalcronologico202454587\/t-1168-03\/\" class=\"_self\" target=\"_self\" >T-1168-03<\/a><\/h4>\n<div class=\"pt-cv-content\">\u00a0 \u00a0 Sentencia T-1168\/03 \u00a0 DERECHOS FUNDAMENTALES DEL INTERNO-Limitaciones \u00a0 AUTORIDAD PENITENCIARIA-Capacidad de modular los derechos de los internos\/AUTORIDAD PENITENCIARIA-L\u00edmite \u00a0 El recluso se encuentra inserto en una relaci\u00f3n de especial sujeci\u00f3n con la administraci\u00f3n, en virtud de la cual las autoridades penitenciarias y carcelarias est\u00e1n habilitadas para restringir y modular de manera particularmente intensa sus derechos y obligaciones. Sin embargo, las medidas adoptadas por los funcionarios administrativos deben estar encaminadas al cumplimiento de los fines para los cuales han sido instituidas las relaciones de especial sujeci\u00f3n en el \u00e1mbito carcelario, esto es, la resocializaci\u00f3n de los internos y la ...<br \/><div class=\"pt-cv-rmwrap\"><a href=\"https:\/\/www.dmsjuridica.com\/buscador_20179478954\/corteconstitucionalcronologico202454587\/t-1168-03\/\" class=\"_self pt-cv-readmore btn btn-success\" target=\"_self\">Ver Sentencia Completa...<\/a><\/div><\/div><\/div><\/div>\n<div class=\"col-md-12 col-sm-12 col-xs-12 pt-cv-content-item pt-cv-1-col\" ><div class='pt-cv-ifield'><a href=\"https:\/\/www.dmsjuridica.com\/buscador_20179478954\/corteconstitucionalcronologico202454587\/t-1167-03\/\" class=\"_self pt-cv-href-thumbnail pt-cv-thumb-default\" target=\"_self\" ><\/a>\n<div class=\"pt-cv-taxoterm above_title\"><a href='https:\/\/www.dmsjuridica.com\/buscador_20179478954\/corteconstitucionalcronologico202454587\/category\/buscar-en-toda-la-corte\/2003\/tutelas-2003\/' title='Tutelas 2003' class='pt-cv-tax-tutelas-2003'>Tutelas 2003<\/a><\/div>\n<h4 class=\"pt-cv-title\"><a href=\"https:\/\/www.dmsjuridica.com\/buscador_20179478954\/corteconstitucionalcronologico202454587\/t-1167-03\/\" class=\"_self\" target=\"_self\" >T-1167-03<\/a><\/h4>\n<div class=\"pt-cv-content\">\u00a0 \u00a0 Sentencia T-1167\/03 \u00a0 DERECHO A LA SALUD DE PERSONA DE LA TERCERA EDAD-Fundamental aut\u00f3nomo \u00a0 Los derechos fundamentales de una persona de la tercera edad deben primar sobre cualquiera de rango legal, m\u00e1xime cuando se pone de manifiesto su situaci\u00f3n de inferioridad. Ha dicho esta Corporaci\u00f3n que las personas de la tercera edad tienen derecho de nivel constitucional a una especial protecci\u00f3n, particularmente en lo relativo a la preservaci\u00f3n de su vida en condiciones dignas y justas, a su salud y a su seguridad social y el Estado, de conformidad con el art\u00edculo 46 de la Carta, se ...<br \/><div class=\"pt-cv-rmwrap\"><a href=\"https:\/\/www.dmsjuridica.com\/buscador_20179478954\/corteconstitucionalcronologico202454587\/t-1167-03\/\" class=\"_self pt-cv-readmore btn btn-success\" target=\"_self\">Ver Sentencia Completa...<\/a><\/div><\/div><\/div><\/div>\n<div class=\"col-md-12 col-sm-12 col-xs-12 pt-cv-content-item pt-cv-1-col\" ><div class='pt-cv-ifield'><a href=\"https:\/\/www.dmsjuridica.com\/buscador_20179478954\/corteconstitucionalcronologico202454587\/t-1166-03\/\" class=\"_self pt-cv-href-thumbnail pt-cv-thumb-default\" target=\"_self\" ><\/a>\n<div class=\"pt-cv-taxoterm above_title\"><a href='https:\/\/www.dmsjuridica.com\/buscador_20179478954\/corteconstitucionalcronologico202454587\/category\/buscar-en-toda-la-corte\/2003\/tutelas-2003\/' title='Tutelas 2003' class='pt-cv-tax-tutelas-2003'>Tutelas 2003<\/a><\/div>\n<h4 class=\"pt-cv-title\"><a href=\"https:\/\/www.dmsjuridica.com\/buscador_20179478954\/corteconstitucionalcronologico202454587\/t-1166-03\/\" class=\"_self\" target=\"_self\" >T-1166-03<\/a><\/h4>\n<div class=\"pt-cv-content\">\u00a0 \u00a0 Sentencia T-1166\/03 \u00a0 ACCION DE TUTELA-Procedencia excepcional pago de acreencias laborales \u00a0 El derecho que tienen las personas pensionadas a recibir oportunamente sus mesadas no puede verse menguado por las crisis financieras que afectan a las entidades de car\u00e1cter p\u00fablico o privado, responsables en forma directa de atender el reconocimiento y pago de las mesadas. \u00a0Es su obligaci\u00f3n, por el contrario, programar dentro de su presupuesto las partidas correspondientes que garanticen el pago y la cancelaci\u00f3n de las mismas. El derecho fundamental e inaplazable que tienen los pensionados a recibir oportunamente las mesadas no ha de ser sometido ...<br \/><div class=\"pt-cv-rmwrap\"><a href=\"https:\/\/www.dmsjuridica.com\/buscador_20179478954\/corteconstitucionalcronologico202454587\/t-1166-03\/\" class=\"_self pt-cv-readmore btn btn-success\" target=\"_self\">Ver Sentencia Completa...<\/a><\/div><\/div><\/div><\/div>\n<div class=\"col-md-12 col-sm-12 col-xs-12 pt-cv-content-item pt-cv-1-col\" ><div class='pt-cv-ifield'><a href=\"https:\/\/www.dmsjuridica.com\/buscador_20179478954\/corteconstitucionalcronologico202454587\/t-1165-03\/\" class=\"_self pt-cv-href-thumbnail pt-cv-thumb-default\" target=\"_self\" ><\/a>\n<div class=\"pt-cv-taxoterm above_title\"><a href='https:\/\/www.dmsjuridica.com\/buscador_20179478954\/corteconstitucionalcronologico202454587\/category\/buscar-en-toda-la-corte\/2003\/tutelas-2003\/' title='Tutelas 2003' class='pt-cv-tax-tutelas-2003'>Tutelas 2003<\/a><\/div>\n<h4 class=\"pt-cv-title\"><a href=\"https:\/\/www.dmsjuridica.com\/buscador_20179478954\/corteconstitucionalcronologico202454587\/t-1165-03\/\" class=\"_self\" target=\"_self\" >T-1165-03<\/a><\/h4>\n<div class=\"pt-cv-content\">\u00a0 \u00a0 Sentencia T-1165\/03 \u00a0 ACCESO A LA ADMINISTRACION DE JUSTICIA-Continuidad en la prestaci\u00f3n \u00a0 El art\u00edculo 228 de la Carta Fundamental obliga a que el ejercicio de la funci\u00f3n p\u00fablica de administrar justicia y, por lo mismo, las distintas actuaciones que sean indispensables para cumplir con su finalidad de preservar el orden econ\u00f3mico y social justo, deben ajustarse al principio de continuidad, es decir, exigen de los funcionarios vinculados a la Rama Judicial la obligaci\u00f3n de prestar el servicio de justicia en forma permanente y regular, sin interrupciones en el tiempo ni en el espacio, salvo las excepciones que ...<br \/><div class=\"pt-cv-rmwrap\"><a href=\"https:\/\/www.dmsjuridica.com\/buscador_20179478954\/corteconstitucionalcronologico202454587\/t-1165-03\/\" class=\"_self pt-cv-readmore btn btn-success\" target=\"_self\">Ver Sentencia Completa...<\/a><\/div><\/div><\/div><\/div>\n<div class=\"col-md-12 col-sm-12 col-xs-12 pt-cv-content-item pt-cv-1-col\" ><div class='pt-cv-ifield'><a href=\"https:\/\/www.dmsjuridica.com\/buscador_20179478954\/corteconstitucionalcronologico202454587\/t-1164-03\/\" class=\"_self pt-cv-href-thumbnail pt-cv-thumb-default\" target=\"_self\" ><\/a>\n<div class=\"pt-cv-taxoterm above_title\"><a href='https:\/\/www.dmsjuridica.com\/buscador_20179478954\/corteconstitucionalcronologico202454587\/category\/buscar-en-toda-la-corte\/2003\/tutelas-2003\/' title='Tutelas 2003' class='pt-cv-tax-tutelas-2003'>Tutelas 2003<\/a><\/div>\n<h4 class=\"pt-cv-title\"><a href=\"https:\/\/www.dmsjuridica.com\/buscador_20179478954\/corteconstitucionalcronologico202454587\/t-1164-03\/\" class=\"_self\" target=\"_self\" >T-1164-03<\/a><\/h4>\n<div class=\"pt-cv-content\">\u00a0 \u00a0 Sentencia T-1164\/03 \u00a0 ACCION DE TUTELA POR VIA DE HECHO CONTRA PROVIDENCIA DE JUEZ DE TUTELA-Improcedencia\/REVISION DE ACCION DE TUTELA Y DEBIDO PROCESO-Mecanismo id\u00f3neo\/ACCION DE TUTELA CONTRA ACCION DE TUTELA-Improcedencia \u00a0 En la sentencia SU-1219 de 2001 se afirm\u00f3 que, a diferencia de las v\u00edas de hecho en las que incurren los jueces ordinarios, frente a las providencias de los jueces de tutela no procede la tutela. Lo anterior, puesto que la Constituci\u00f3n contempl\u00f3 en el art\u00edculo 86 inciso 2\u00ba el mecanismo de la selecci\u00f3n para revisi\u00f3n mediante el cual se pueden subsanar los errores de los jueces ...<br \/><div class=\"pt-cv-rmwrap\"><a href=\"https:\/\/www.dmsjuridica.com\/buscador_20179478954\/corteconstitucionalcronologico202454587\/t-1164-03\/\" class=\"_self pt-cv-readmore btn btn-success\" target=\"_self\">Ver Sentencia Completa...<\/a><\/div><\/div><\/div><\/div>\n<div class=\"col-md-12 col-sm-12 col-xs-12 pt-cv-content-item pt-cv-1-col\" ><div class='pt-cv-ifield'><a href=\"https:\/\/www.dmsjuridica.com\/buscador_20179478954\/corteconstitucionalcronologico202454587\/t-1163-03\/\" class=\"_self pt-cv-href-thumbnail pt-cv-thumb-default\" target=\"_self\" ><\/a>\n<div class=\"pt-cv-taxoterm above_title\"><a href='https:\/\/www.dmsjuridica.com\/buscador_20179478954\/corteconstitucionalcronologico202454587\/category\/buscar-en-toda-la-corte\/2003\/tutelas-2003\/' title='Tutelas 2003' class='pt-cv-tax-tutelas-2003'>Tutelas 2003<\/a><\/div>\n<h4 class=\"pt-cv-title\"><a href=\"https:\/\/www.dmsjuridica.com\/buscador_20179478954\/corteconstitucionalcronologico202454587\/t-1163-03\/\" class=\"_self\" target=\"_self\" >T-1163-03<\/a><\/h4>\n<div class=\"pt-cv-content\">\u00a0 \u00a0 Sentencia T-1163\/03 \u00a0 DERECHO DE PETICION EN MATERIA PENSIONAL-T\u00e9rmino de cuatro meses para resolver \u00a0 Referencia: expediente T-794520 \u00a0 Peticionaria: Celmira Cort\u00e9s \u00a0 Procedencia: Juzgado 2\u00b0 Civil del Circuito de Bogot\u00e1 \u00a0 Magistrado Ponente: \u00a0 Dr. MARCO GERARDO MONROY CABRA \u00a0 Bogot\u00e1, D. C., cuatro (4) diciembre de dos mil tres (2003). \u00a0 La Sala Sexta de Revisi\u00f3n de la Corte Constitucional, integrada por los Magistrados Marco Gerardo Monroy Cabra quien la preside, Eduardo Montealegre Lynett y Alvaro Tafur Galvis, en ejercicio de sus competencias constitucionales y legales, \u00a0profiere \u00a0la siguiente\u00a0 \u00a0 SENTENCIA \u00a0 Dentro de la revisi\u00f3n ...<br \/><div class=\"pt-cv-rmwrap\"><a href=\"https:\/\/www.dmsjuridica.com\/buscador_20179478954\/corteconstitucionalcronologico202454587\/t-1163-03\/\" class=\"_self pt-cv-readmore btn btn-success\" target=\"_self\">Ver Sentencia Completa...<\/a><\/div><\/div><\/div><\/div>\n<div class=\"col-md-12 col-sm-12 col-xs-12 pt-cv-content-item pt-cv-1-col\" ><div class='pt-cv-ifield'><a href=\"https:\/\/www.dmsjuridica.com\/buscador_20179478954\/corteconstitucionalcronologico202454587\/t-1162-03\/\" class=\"_self pt-cv-href-thumbnail pt-cv-thumb-default\" target=\"_self\" ><\/a>\n<div class=\"pt-cv-taxoterm above_title\"><a href='https:\/\/www.dmsjuridica.com\/buscador_20179478954\/corteconstitucionalcronologico202454587\/category\/buscar-en-toda-la-corte\/2003\/tutelas-2003\/' title='Tutelas 2003' class='pt-cv-tax-tutelas-2003'>Tutelas 2003<\/a><\/div>\n<h4 class=\"pt-cv-title\"><a href=\"https:\/\/www.dmsjuridica.com\/buscador_20179478954\/corteconstitucionalcronologico202454587\/t-1162-03\/\" class=\"_self\" target=\"_self\" >T-1162-03<\/a><\/h4>\n<div class=\"pt-cv-content\">\u00a0 \u00a0 Sentencia T-1162\/03 \u00a0 DERECHO A LA SALUD DEL ENFERMO DE SIDA-Examen de carga viral y suministro de medicamentos sin cumplir periodo m\u00ednimo de cotizaci\u00f3n \u00a0 Referencia: expediente T-785038 \u00a0 Actor: Yerson Ricardo Mahecha Su\u00e1rez \u00a0 Procedencia: Juzgado Veinticinco Civil del Circuito de Bogot\u00e1 \u00a0 Magistrado Ponente:\u00a0 \u00a0 Dr. MARCO GERARDO MONROY CABRA \u00a0 Bogot\u00e1 D. C., cuatro (4) de diciembre de dos mil tres (2003). \u00a0 La Sala Sexta de la Corte Constitucional, integrada por los Magistrados doctores, Eduardo Montealegre Lynett, Alvaro Tafur Galvis y Marco Gerardo Monroy Cabra, quien la preside, en ejercicio de sus competencias constitucionales ...<br \/><div class=\"pt-cv-rmwrap\"><a href=\"https:\/\/www.dmsjuridica.com\/buscador_20179478954\/corteconstitucionalcronologico202454587\/t-1162-03\/\" class=\"_self pt-cv-readmore btn btn-success\" target=\"_self\">Ver Sentencia Completa...<\/a><\/div><\/div><\/div><\/div>\n<div class=\"col-md-12 col-sm-12 col-xs-12 pt-cv-content-item pt-cv-1-col\" ><div class='pt-cv-ifield'><a href=\"https:\/\/www.dmsjuridica.com\/buscador_20179478954\/corteconstitucionalcronologico202454587\/t-1161-03\/\" class=\"_self pt-cv-href-thumbnail pt-cv-thumb-default\" target=\"_self\" ><\/a>\n<div class=\"pt-cv-taxoterm above_title\"><a href='https:\/\/www.dmsjuridica.com\/buscador_20179478954\/corteconstitucionalcronologico202454587\/category\/buscar-en-toda-la-corte\/2003\/tutelas-2003\/' title='Tutelas 2003' class='pt-cv-tax-tutelas-2003'>Tutelas 2003<\/a><\/div>\n<h4 class=\"pt-cv-title\"><a href=\"https:\/\/www.dmsjuridica.com\/buscador_20179478954\/corteconstitucionalcronologico202454587\/t-1161-03\/\" class=\"_self\" target=\"_self\" >T-1161-03<\/a><\/h4>\n<div class=\"pt-cv-content\">\u00a0 \u00a0 Sentencia T-1161\/03 \u00a0 DERECHO A LA VIDA DE DESPLAZADO POR LA VIOLENCIA-Viabilidad de la tutela como mecanismo judicial para ordenar protecci\u00f3n especial e inmediata \u00a0 En virtud de la negligencia de los organismos colombianos en el cumplimiento de su tarea de proteger la vida de los ciudadanos, recientemente la Corte ha tenido la oportunidad de conocer de casos de ciudadanos \u00a0que han tenido que acudir a instancias internacionales como la Comisi\u00f3n Interamericana de Derechos Humanos para buscar que se ordene la protecci\u00f3n de su vida. A\u00fan existiendo medida cautelar dentro de los procesos ante instancias internacionales que ordenaba ...<br \/><div class=\"pt-cv-rmwrap\"><a href=\"https:\/\/www.dmsjuridica.com\/buscador_20179478954\/corteconstitucionalcronologico202454587\/t-1161-03\/\" class=\"_self pt-cv-readmore btn btn-success\" target=\"_self\">Ver Sentencia Completa...<\/a><\/div><\/div><\/div><\/div>\n<div class=\"col-md-12 col-sm-12 col-xs-12 pt-cv-content-item pt-cv-1-col\" ><div class='pt-cv-ifield'><a href=\"https:\/\/www.dmsjuridica.com\/buscador_20179478954\/corteconstitucionalcronologico202454587\/t-1160-03\/\" class=\"_self pt-cv-href-thumbnail pt-cv-thumb-default\" target=\"_self\" ><\/a>\n<div class=\"pt-cv-taxoterm above_title\"><a href='https:\/\/www.dmsjuridica.com\/buscador_20179478954\/corteconstitucionalcronologico202454587\/category\/buscar-en-toda-la-corte\/2003\/tutelas-2003\/' title='Tutelas 2003' class='pt-cv-tax-tutelas-2003'>Tutelas 2003<\/a><\/div>\n<h4 class=\"pt-cv-title\"><a href=\"https:\/\/www.dmsjuridica.com\/buscador_20179478954\/corteconstitucionalcronologico202454587\/t-1160-03\/\" class=\"_self\" target=\"_self\" >T-1160-03<\/a><\/h4>\n<div class=\"pt-cv-content\">\u00a0 \u00a0 Sentencia T-1160\/03 \u00a0 PREVALENCIA DEL DERECHO SUSTANCIAL \u00a0 El art\u00edculo 228 de la C.P. se\u00f1ala \u00a0dentro de los principios de la administraci\u00f3n de justicia la prevalencia del derecho sustancial. Este principio es reiterado en el art\u00edculo 3\u00b0 del decreto 2591 de 1991 y guarda relaci\u00f3n directa con la orden urgente \u00a0que debe darse en las sentencias de tutela cuando se reconoce que se ha violado un derecho fundamental. Para lograr lo anterior, desde la sentencia T-459 de 1992 se dijo que no se deb\u00eda rendir culto a las formas procesales. Por consiguiente, la interpretaci\u00f3n jur\u00eddica que preferencie el ...<br \/><div class=\"pt-cv-rmwrap\"><a href=\"https:\/\/www.dmsjuridica.com\/buscador_20179478954\/corteconstitucionalcronologico202454587\/t-1160-03\/\" class=\"_self pt-cv-readmore btn btn-success\" target=\"_self\">Ver Sentencia Completa...<\/a><\/div><\/div><\/div><\/div>\n<div class=\"col-md-12 col-sm-12 col-xs-12 pt-cv-content-item pt-cv-1-col\" ><div class='pt-cv-ifield'><a href=\"https:\/\/www.dmsjuridica.com\/buscador_20179478954\/corteconstitucionalcronologico202454587\/t-116-03\/\" class=\"_self pt-cv-href-thumbnail pt-cv-thumb-default\" target=\"_self\" ><\/a>\n<div class=\"pt-cv-taxoterm above_title\"><a href='https:\/\/www.dmsjuridica.com\/buscador_20179478954\/corteconstitucionalcronologico202454587\/category\/buscar-en-toda-la-corte\/2003\/tutelas-2003\/' title='Tutelas 2003' class='pt-cv-tax-tutelas-2003'>Tutelas 2003<\/a><\/div>\n<h4 class=\"pt-cv-title\"><a href=\"https:\/\/www.dmsjuridica.com\/buscador_20179478954\/corteconstitucionalcronologico202454587\/t-116-03\/\" class=\"_self\" target=\"_self\" >T-116-03<\/a><\/h4>\n<div class=\"pt-cv-content\">\u00a0 \u00a0 Sentencia T-116\/03 \u00a0 EXPULSION DEL TERRITORIO NACIONAL-Improcedencia de tutela para evitarla\/PENA ACCESORIA-Suspensi\u00f3n le corresponde al Juez de Ejecuci\u00f3n de penas y medidas de seguridad \u00a0 Es entonces ante aquella sede judicial (jueces \u00a0de ejecuci\u00f3n de penas y medidas de seguridad), donde se debe dirigir la solicitud de cesaci\u00f3n o suspensi\u00f3n de la pena accesoria, instancia en la que con sujeci\u00f3n a los principios constitucionales, en especial los derechos fundamentales de los ni\u00f1os y las normas citadas con anterioridad, \u00a0se \u00a0decida la remoci\u00f3n de la pena accesoria, haci\u00e9ndola cesar o suspender por la soluci\u00f3n favorable o permisiva al peticionario ...<br \/><div class=\"pt-cv-rmwrap\"><a href=\"https:\/\/www.dmsjuridica.com\/buscador_20179478954\/corteconstitucionalcronologico202454587\/t-116-03\/\" class=\"_self pt-cv-readmore btn btn-success\" target=\"_self\">Ver Sentencia Completa...<\/a><\/div><\/div><\/div><\/div>\n<div class=\"col-md-12 col-sm-12 col-xs-12 pt-cv-content-item pt-cv-1-col\" ><div class='pt-cv-ifield'><a href=\"https:\/\/www.dmsjuridica.com\/buscador_20179478954\/corteconstitucionalcronologico202454587\/t-1155-03\/\" class=\"_self pt-cv-href-thumbnail pt-cv-thumb-default\" target=\"_self\" ><\/a>\n<div class=\"pt-cv-taxoterm above_title\"><a href='https:\/\/www.dmsjuridica.com\/buscador_20179478954\/corteconstitucionalcronologico202454587\/category\/buscar-en-toda-la-corte\/2003\/tutelas-2003\/' title='Tutelas 2003' class='pt-cv-tax-tutelas-2003'>Tutelas 2003<\/a><\/div>\n<h4 class=\"pt-cv-title\"><a href=\"https:\/\/www.dmsjuridica.com\/buscador_20179478954\/corteconstitucionalcronologico202454587\/t-1155-03\/\" class=\"_self\" target=\"_self\" >T-1155-03<\/a><\/h4>\n<div class=\"pt-cv-content\">\u00a0 \u00a0 Sentencia T-1155\/03 \u00a0 LICENCIA DE MATERNIDAD-Procedencia excepcional de tutela para el pago \u00a0 LICENCIA DE MATERNIDAD-Protecci\u00f3n constitucional del m\u00ednimo vital de la madre y su hijo \u00a0 La Sala considera que la demandante tiene derecho a reclamar la licencia de maternidad, porque, de acuerdo con lo probado, ingres\u00f3 a trabajar el 12 de enero de 2002 y tuvo a su hija el 11 de diciembre del mismo a\u00f1o; y, once d\u00edas antes del parto, present\u00f3 renuncia aduciendo su estado de embarazo. Recu\u00e9rdese que el per\u00edodo de licencia de maternidad remunerada cubre tanto un tiempo anterior al parto como ...<br \/><div class=\"pt-cv-rmwrap\"><a href=\"https:\/\/www.dmsjuridica.com\/buscador_20179478954\/corteconstitucionalcronologico202454587\/t-1155-03\/\" class=\"_self pt-cv-readmore btn btn-success\" target=\"_self\">Ver Sentencia Completa...<\/a><\/div><\/div><\/div><\/div>\n<div class=\"col-md-12 col-sm-12 col-xs-12 pt-cv-content-item pt-cv-1-col\" ><div class='pt-cv-ifield'><a href=\"https:\/\/www.dmsjuridica.com\/buscador_20179478954\/corteconstitucionalcronologico202454587\/t-1154-03\/\" class=\"_self pt-cv-href-thumbnail pt-cv-thumb-default\" target=\"_self\" ><\/a>\n<div class=\"pt-cv-taxoterm above_title\"><a href='https:\/\/www.dmsjuridica.com\/buscador_20179478954\/corteconstitucionalcronologico202454587\/category\/buscar-en-toda-la-corte\/2003\/tutelas-2003\/' title='Tutelas 2003' class='pt-cv-tax-tutelas-2003'>Tutelas 2003<\/a><\/div>\n<h4 class=\"pt-cv-title\"><a href=\"https:\/\/www.dmsjuridica.com\/buscador_20179478954\/corteconstitucionalcronologico202454587\/t-1154-03\/\" class=\"_self\" target=\"_self\" >T-1154-03<\/a><\/h4>\n<div class=\"pt-cv-content\">\u00a0 \u00a0 Sentencia T-1154\/03 \u00a0 DERECHO AL HABEAS DATA-Indebido reporte a bases de datos por error operativo del banco \u00a0 En virtud del contrato de venta de cartera celebrado con la Central de Inversiones Cisa, el Banco Cafetero decidi\u00f3 reportar a la se\u00f1ora Garc\u00eda como morosa de la obligaci\u00f3n adquirida, y simplemente al contestar su solicitud de correcci\u00f3n de informaci\u00f3n, argument\u00f3 que el paz y salvo expedido en alguna oportunidad, fue consecuencia de un \u201cerror operativo\u201d, error que para la Corte, no tiene porqu\u00e9 soportarlo la parte mas d\u00e9bil de la relaci\u00f3n, que es en este caso la demandante. Dentro ...<br \/><div class=\"pt-cv-rmwrap\"><a href=\"https:\/\/www.dmsjuridica.com\/buscador_20179478954\/corteconstitucionalcronologico202454587\/t-1154-03\/\" class=\"_self pt-cv-readmore btn btn-success\" target=\"_self\">Ver Sentencia Completa...<\/a><\/div><\/div><\/div><\/div>\n<div class=\"col-md-12 col-sm-12 col-xs-12 pt-cv-content-item pt-cv-1-col\" ><div class='pt-cv-ifield'><a href=\"https:\/\/www.dmsjuridica.com\/buscador_20179478954\/corteconstitucionalcronologico202454587\/t-1153-03\/\" class=\"_self pt-cv-href-thumbnail pt-cv-thumb-default\" target=\"_self\" ><\/a>\n<div class=\"pt-cv-taxoterm above_title\"><a href='https:\/\/www.dmsjuridica.com\/buscador_20179478954\/corteconstitucionalcronologico202454587\/category\/buscar-en-toda-la-corte\/2003\/tutelas-2003\/' title='Tutelas 2003' class='pt-cv-tax-tutelas-2003'>Tutelas 2003<\/a><\/div>\n<h4 class=\"pt-cv-title\"><a href=\"https:\/\/www.dmsjuridica.com\/buscador_20179478954\/corteconstitucionalcronologico202454587\/t-1153-03\/\" class=\"_self\" target=\"_self\" >T-1153-03<\/a><\/h4>\n<div class=\"pt-cv-content\">\u00a0 \u00a0 REP\u00daBLICA DE COLOMBIA \u00a0 \u00a0 \u00a0\u00a0 \u00a0 \u00a0 \u00a0 \u00a0 \u00a0 \u00a0Corte Constitucional \u00a0 \u00a0 \u00a0 \u00a0 \u00a0 \u00a0SALA SEGUNDA DE REVISI\u00d3N \u00a0 Sentencia T-1153\/03 \u00a0 Referencia: expediente T-780693 \u00a0 Acci\u00f3n de tutela de Javier Antonio Sierra Navarro contra EPS Colmena Salud. \u00a0 Procedencia: Juzgado Quinto Civil Municipal de Barranquilla.\u00a0 \u00a0 Magistrado Ponente: \u00a0 Dr. ALFREDO BELTR\u00c1N SIERRA. \u00a0 Bogot\u00e1 D. C, primero (1) de diciembre de dos mil tres (2003). \u00a0 La Sala Segunda (2a.) de Revisi\u00f3n de la Corte Constitucional, integrada por los magistrados Alfredo Beltr\u00e1n Sierra, Manuel Jos\u00e9 Cepeda Espinosa y Jaime C\u00f3rdoba Trivi\u00f1o, en ...<br \/><div class=\"pt-cv-rmwrap\"><a href=\"https:\/\/www.dmsjuridica.com\/buscador_20179478954\/corteconstitucionalcronologico202454587\/t-1153-03\/\" class=\"_self pt-cv-readmore btn btn-success\" target=\"_self\">Ver Sentencia Completa...<\/a><\/div><\/div><\/div><\/div>\n<div class=\"col-md-12 col-sm-12 col-xs-12 pt-cv-content-item pt-cv-1-col\" ><div class='pt-cv-ifield'><a href=\"https:\/\/www.dmsjuridica.com\/buscador_20179478954\/corteconstitucionalcronologico202454587\/t-115-03\/\" class=\"_self pt-cv-href-thumbnail pt-cv-thumb-default\" target=\"_self\" ><\/a>\n<div class=\"pt-cv-taxoterm above_title\"><a href='https:\/\/www.dmsjuridica.com\/buscador_20179478954\/corteconstitucionalcronologico202454587\/category\/buscar-en-toda-la-corte\/2003\/tutelas-2003\/' title='Tutelas 2003' class='pt-cv-tax-tutelas-2003'>Tutelas 2003<\/a><\/div>\n<h4 class=\"pt-cv-title\"><a href=\"https:\/\/www.dmsjuridica.com\/buscador_20179478954\/corteconstitucionalcronologico202454587\/t-115-03\/\" class=\"_self\" target=\"_self\" >T-115-03<\/a><\/h4>\n<div class=\"pt-cv-content\">\u00a0 \u00a0 Sentencia T-115\/03 \u00a0 ACCION DE TUTELA-Improcedencia por no vulneraci\u00f3n de derechos fundamentales \u00a0 Uno de los \u00a0problemas que surgen en el estudio del \u00a0presente caso, guarda relaci\u00f3n con la actividad \u00a0probatoria que demuestre la vulneraci\u00f3n del derecho fundamental manifestado por el accionante; es decir, las afirmaciones realizadas por el apoderado del actor no fueron probadas dentro del tr\u00e1mite de la tutela, no por inactividad probatoria de los jueces de tutela, sino por imposibilidad manifiesta, esto es, por cuestiones de orden p\u00fablico se dej\u00f3 de practicar las pruebas, tal como aconteci\u00f3 con las ordenadas por esta Corte. \u00a0 BIENES ...<br \/><div class=\"pt-cv-rmwrap\"><a href=\"https:\/\/www.dmsjuridica.com\/buscador_20179478954\/corteconstitucionalcronologico202454587\/t-115-03\/\" class=\"_self pt-cv-readmore btn btn-success\" target=\"_self\">Ver Sentencia Completa...<\/a><\/div><\/div><\/div><\/div>\n<div class=\"col-md-12 col-sm-12 col-xs-12 pt-cv-content-item pt-cv-1-col\" ><div class='pt-cv-ifield'><a href=\"https:\/\/www.dmsjuridica.com\/buscador_20179478954\/corteconstitucionalcronologico202454587\/t-1145-03\/\" class=\"_self pt-cv-href-thumbnail pt-cv-thumb-default\" target=\"_self\" ><\/a>\n<div class=\"pt-cv-taxoterm above_title\"><a href='https:\/\/www.dmsjuridica.com\/buscador_20179478954\/corteconstitucionalcronologico202454587\/category\/buscar-en-toda-la-corte\/2003\/tutelas-2003\/' title='Tutelas 2003' class='pt-cv-tax-tutelas-2003'>Tutelas 2003<\/a><\/div>\n<h4 class=\"pt-cv-title\"><a href=\"https:\/\/www.dmsjuridica.com\/buscador_20179478954\/corteconstitucionalcronologico202454587\/t-1145-03\/\" class=\"_self\" target=\"_self\" >T-1145-03<\/a><\/h4>\n<div class=\"pt-cv-content\">\u00a0 \u00a0 Sentencia T-1145\/03 \u00a0 COSA JUZGADA EN TUTELA-Existencia\/ACCION DE TUTELA PARA RELIQUIDACION DE PENSIONES DE CONGRESISTA-Deben existir hechos nuevos que sean relevantes para modificaci\u00f3n de sentencia anterior \u00a0 El cumplimiento del principio de identidad est\u00e1 verificado. En efecto, las partes dentro de ambos tr\u00e1mites de amparo son las mismas, los hechos invocados son similares, los derechos fundamentales que se estiman vulnerados guardan correspondencia, al igual que las razones que sustentan su afectaci\u00f3n. \u00a0En suma, la Sala encuentra acreditada la cosa juzgada material sobre el asunto de la referencia, raz\u00f3n por la cual ser\u00e1n revocadas las sentencias del Juez Laboral ...<br \/><div class=\"pt-cv-rmwrap\"><a href=\"https:\/\/www.dmsjuridica.com\/buscador_20179478954\/corteconstitucionalcronologico202454587\/t-1145-03\/\" class=\"_self pt-cv-readmore btn btn-success\" target=\"_self\">Ver Sentencia Completa...<\/a><\/div><\/div><\/div><\/div>\n<div class=\"col-md-12 col-sm-12 col-xs-12 pt-cv-content-item pt-cv-1-col\" ><div class='pt-cv-ifield'><a href=\"https:\/\/www.dmsjuridica.com\/buscador_20179478954\/corteconstitucionalcronologico202454587\/t-1144-03\/\" class=\"_self pt-cv-href-thumbnail pt-cv-thumb-default\" target=\"_self\" ><\/a>\n<div class=\"pt-cv-taxoterm above_title\"><a href='https:\/\/www.dmsjuridica.com\/buscador_20179478954\/corteconstitucionalcronologico202454587\/category\/buscar-en-toda-la-corte\/2003\/tutelas-2003\/' title='Tutelas 2003' class='pt-cv-tax-tutelas-2003'>Tutelas 2003<\/a><\/div>\n<h4 class=\"pt-cv-title\"><a href=\"https:\/\/www.dmsjuridica.com\/buscador_20179478954\/corteconstitucionalcronologico202454587\/t-1144-03\/\" class=\"_self\" target=\"_self\" >T-1144-03<\/a><\/h4>\n<div class=\"pt-cv-content\">\u00a0 \u00a0 Sentencia T-1144\/03 \u00a0 ACCION DE TUTELA CONTRA EMPRESA DE SERVICIOS PUBLICOS DOMICILIARIOS-Improcedencia por no ejercicio oportuno de recursos \u00a0 DEBIDO PROCESO ADMINISTRATIVO-Alcance \u00a0 RECURSO DE QUEJA ANTE LA SUPERINTENDENCIA DE SERVICIOS PUBLICOS DOMICILIARIOS-Vencimiento del t\u00e9rmino \u00a0 Como pudo establecerlo la Sala de Revisi\u00f3n, la accionante dej\u00f3 vencer el t\u00e9rmino de cinco d\u00edas que concede el art\u00edculo 50, numeral 3\u00ba. del c\u00f3digo contencioso administrativo para interponer el recurso de queja ante la Superintendencia de Servicios P\u00fablicos Domiciliarios, buscando posteriormente a trav\u00e9s de la acci\u00f3n de tutela el reconocimiento de un derecho que habr\u00eda podido obtener de haber ejercido el ...<br \/><div class=\"pt-cv-rmwrap\"><a href=\"https:\/\/www.dmsjuridica.com\/buscador_20179478954\/corteconstitucionalcronologico202454587\/t-1144-03\/\" class=\"_self pt-cv-readmore btn btn-success\" target=\"_self\">Ver Sentencia Completa...<\/a><\/div><\/div><\/div><\/div>\n<div class=\"col-md-12 col-sm-12 col-xs-12 pt-cv-content-item pt-cv-1-col\" ><div class='pt-cv-ifield'><a href=\"https:\/\/www.dmsjuridica.com\/buscador_20179478954\/corteconstitucionalcronologico202454587\/t-1143-03\/\" class=\"_self pt-cv-href-thumbnail pt-cv-thumb-default\" target=\"_self\" ><\/a>\n<div class=\"pt-cv-taxoterm above_title\"><a href='https:\/\/www.dmsjuridica.com\/buscador_20179478954\/corteconstitucionalcronologico202454587\/category\/buscar-en-toda-la-corte\/2003\/tutelas-2003\/' title='Tutelas 2003' class='pt-cv-tax-tutelas-2003'>Tutelas 2003<\/a><\/div>\n<h4 class=\"pt-cv-title\"><a href=\"https:\/\/www.dmsjuridica.com\/buscador_20179478954\/corteconstitucionalcronologico202454587\/t-1143-03\/\" class=\"_self\" target=\"_self\" >T-1143-03<\/a><\/h4>\n<div class=\"pt-cv-content\">\u00a0 \u00a0 Sentencia T-1143\/03 \u00a0 HONORARIOS PROFESIONALES\/CONTRATO DE MANDATO-Cuota litis\/ABOGADO-Falta a la honradez \u00a0 SANCION DISCIPLINARIA A ABOGADO-Falta a la honradez \u00a0 HONORARIOS-Criterios jurisprudenciales para determinar si fueron desproporcionados\/ABOGADO-No existe obligaci\u00f3n de rebajar sus honorarios cuando el resultado jur\u00eddico se consigue de manera r\u00e1pida y sumaria\/COLEGIO DE ABOGADOS-Tarifas \u00a0 La jurisprudencia sobre la materia ha fijado 5 criterios para determinar si el abogado cobr\u00f3 honorarios desproporcionados: (i) el trabajo efectivamente desplegado por el litigante, (ii) el prestigio del mismo, (iii) la complejidad del asunto, (iv) el monto o la cuant\u00eda, (v) la capacidad econ\u00f3mica del cliente. Cabe recordar que las ...<br \/><div class=\"pt-cv-rmwrap\"><a href=\"https:\/\/www.dmsjuridica.com\/buscador_20179478954\/corteconstitucionalcronologico202454587\/t-1143-03\/\" class=\"_self pt-cv-readmore btn btn-success\" target=\"_self\">Ver Sentencia Completa...<\/a><\/div><\/div><\/div><\/div>\n<div class=\"col-md-12 col-sm-12 col-xs-12 pt-cv-content-item pt-cv-1-col\" ><div class='pt-cv-ifield'><a href=\"https:\/\/www.dmsjuridica.com\/buscador_20179478954\/corteconstitucionalcronologico202454587\/t-1142-03\/\" class=\"_self pt-cv-href-thumbnail pt-cv-thumb-default\" target=\"_self\" ><\/a>\n<div class=\"pt-cv-taxoterm above_title\"><a href='https:\/\/www.dmsjuridica.com\/buscador_20179478954\/corteconstitucionalcronologico202454587\/category\/buscar-en-toda-la-corte\/2003\/tutelas-2003\/' title='Tutelas 2003' class='pt-cv-tax-tutelas-2003'>Tutelas 2003<\/a><\/div>\n<h4 class=\"pt-cv-title\"><a href=\"https:\/\/www.dmsjuridica.com\/buscador_20179478954\/corteconstitucionalcronologico202454587\/t-1142-03\/\" class=\"_self\" target=\"_self\" >T-1142-03<\/a><\/h4>\n<div class=\"pt-cv-content\">\u00a0 \u00a0 Sentencia T-1142\/03 \u00a0 DEBIDO PROCESO ADMINISTRATIVO EN CALIFICACION INSATISFACTORIA DE SERVICIOS \u00a0 VIA DE HECHO JUDICIAL Y ACTO ADMINISTRATIVO DE CALIFICACION DE SERVICIOS-Improcedencia \u00a0 Las hip\u00f3tesis se\u00f1aladas para la v\u00eda de hecho judicial son distintas de las causas en las cuales se puede fundar una demanda de tutela contra el acto administrativo, por cuanto aquella supone la actividad del funcionario judicial que se aparta del ordenamiento jur\u00eddico, haciendo que la providencia pierda su naturaleza para convertirse en un comportamiento inexplicable a la luz de la juridicidad. De su parte, el acto administrativo, a\u00fan cuando sea expedido por una ...<br \/><div class=\"pt-cv-rmwrap\"><a href=\"https:\/\/www.dmsjuridica.com\/buscador_20179478954\/corteconstitucionalcronologico202454587\/t-1142-03\/\" class=\"_self pt-cv-readmore btn btn-success\" target=\"_self\">Ver Sentencia Completa...<\/a><\/div><\/div><\/div><\/div>\n<div class=\"col-md-12 col-sm-12 col-xs-12 pt-cv-content-item pt-cv-1-col\" ><div class='pt-cv-ifield'><a href=\"https:\/\/www.dmsjuridica.com\/buscador_20179478954\/corteconstitucionalcronologico202454587\/t-1141-03\/\" class=\"_self pt-cv-href-thumbnail pt-cv-thumb-default\" target=\"_self\" ><\/a>\n<div class=\"pt-cv-taxoterm above_title\"><a href='https:\/\/www.dmsjuridica.com\/buscador_20179478954\/corteconstitucionalcronologico202454587\/category\/buscar-en-toda-la-corte\/2003\/tutelas-2003\/' title='Tutelas 2003' class='pt-cv-tax-tutelas-2003'>Tutelas 2003<\/a><\/div>\n<h4 class=\"pt-cv-title\"><a href=\"https:\/\/www.dmsjuridica.com\/buscador_20179478954\/corteconstitucionalcronologico202454587\/t-1141-03\/\" class=\"_self\" target=\"_self\" >T-1141-03<\/a><\/h4>\n<div class=\"pt-cv-content\">\u00a0 \u00a0 Sentencia T-1141\/03 \u00a0 AGENCIA OFICIOSA EN TUTELA-Madre en representaci\u00f3n de hijo mayor de edad \u00a0 La actora s\u00ed est\u00e1 legitimada para reclamar por los derechos de su hijo mayor de edad, pues se encuentra plenamente acreditado que las penosas condiciones de salud en que se encuentra Milton Delgado Camacho le impidieron promover personalmente la acci\u00f3n de tutela, debido a que no s\u00f3lo le fue amputada una de sus piernas, sino que presenta otra serie de enfermedades como diabetes cr\u00f3nica y p\u00e9rdida de ri\u00f1ones con tratamiento de di\u00e1lisis peritoneal domiciliaria. \u00a0 DERECHO A LA SALUD-Conexidad con la vida \u00a0 ...<br \/><div class=\"pt-cv-rmwrap\"><a href=\"https:\/\/www.dmsjuridica.com\/buscador_20179478954\/corteconstitucionalcronologico202454587\/t-1141-03\/\" class=\"_self pt-cv-readmore btn btn-success\" target=\"_self\">Ver Sentencia Completa...<\/a><\/div><\/div><\/div><\/div>\n<div class=\"col-md-12 col-sm-12 col-xs-12 pt-cv-content-item pt-cv-1-col\" ><div class='pt-cv-ifield'><a href=\"https:\/\/www.dmsjuridica.com\/buscador_20179478954\/corteconstitucionalcronologico202454587\/t-1140-03\/\" class=\"_self pt-cv-href-thumbnail pt-cv-thumb-default\" target=\"_self\" ><\/a>\n<div class=\"pt-cv-taxoterm above_title\"><a href='https:\/\/www.dmsjuridica.com\/buscador_20179478954\/corteconstitucionalcronologico202454587\/category\/buscar-en-toda-la-corte\/2003\/tutelas-2003\/' title='Tutelas 2003' class='pt-cv-tax-tutelas-2003'>Tutelas 2003<\/a><\/div>\n<h4 class=\"pt-cv-title\"><a href=\"https:\/\/www.dmsjuridica.com\/buscador_20179478954\/corteconstitucionalcronologico202454587\/t-1140-03\/\" class=\"_self\" target=\"_self\" >T-1140-03<\/a><\/h4>\n<div class=\"pt-cv-content\">\u00a0 \u00a0 Sentencia T-1140\/03 \u00a0 DERECHO A LA PENSION DE JUBILACION-Pago completo de la mesada\/DERECHO A LA PENSION DE JUBILACION-Tr\u00e1mite para lograr el pago completo de la mesada le corresponde a la entidad que la reconoci\u00f3 no al pensionado\u00a0 \u00a0 Si a una persona de 79 a\u00f1os de edad, que de manera leg\u00edtima ha adquirido el derecho a una pensi\u00f3n de jubilaci\u00f3n, se le niega el pago completo de la mesada con el argumento que es \u00e9l quien debe tramitar y obtener el pago de la cuota parte que le corresponde a otra entidad, no s\u00f3lo se incumple el mandato ...<br \/><div class=\"pt-cv-rmwrap\"><a href=\"https:\/\/www.dmsjuridica.com\/buscador_20179478954\/corteconstitucionalcronologico202454587\/t-1140-03\/\" class=\"_self pt-cv-readmore btn btn-success\" target=\"_self\">Ver Sentencia Completa...<\/a><\/div><\/div><\/div><\/div>\n<div class=\"col-md-12 col-sm-12 col-xs-12 pt-cv-content-item pt-cv-1-col\" ><div class='pt-cv-ifield'><a href=\"https:\/\/www.dmsjuridica.com\/buscador_20179478954\/corteconstitucionalcronologico202454587\/t-114-03\/\" class=\"_self pt-cv-href-thumbnail pt-cv-thumb-default\" target=\"_self\" ><\/a>\n<div class=\"pt-cv-taxoterm above_title\"><a href='https:\/\/www.dmsjuridica.com\/buscador_20179478954\/corteconstitucionalcronologico202454587\/category\/buscar-en-toda-la-corte\/2003\/tutelas-2003\/' title='Tutelas 2003' class='pt-cv-tax-tutelas-2003'>Tutelas 2003<\/a><\/div>\n<h4 class=\"pt-cv-title\"><a href=\"https:\/\/www.dmsjuridica.com\/buscador_20179478954\/corteconstitucionalcronologico202454587\/t-114-03\/\" class=\"_self\" target=\"_self\" >T-114-03<\/a><\/h4>\n<div class=\"pt-cv-content\">\u00a0 \u00a0 Sentencia T-114\/03 \u00a0 DERECHO DE PETICION ANTE EL SEGURO SOCIAL-T\u00e9rmino de quince d\u00edas para responder sobre reconocimiento pensi\u00f3n de vejez \u00a0 DERECHO DE PETICION ANTE EL SEGURO SOCIAL-Resoluci\u00f3n oportuna, clara y de fondo \u00a0 DERECHO DE PETICION ANTE EL SEGURO SOCIAL-Negligencia en tr\u00e1mite administrativo y vulneraci\u00f3n de derechos fundamentales \u00a0 Reiteraci\u00f3n de Jurisprudencia \u00a0 Referencia: expediente T-661019 \u00a0 Acci\u00f3n de tutela incoada por Dora Luc\u00eda Montoya Vel\u00e1squez contra el Seguro Social \u2013 \u00a0Seccional Antioquia.\u00a0 \u00a0 Magistrado Ponente: \u00a0 Dr. JAIME C\u00d3RDOBA TRIVI\u00d1O \u00a0 Bogot\u00e1, D. C., trece (13) de febrero de dos mil tres (2003). \u00a0 La Sala ...<br \/><div class=\"pt-cv-rmwrap\"><a href=\"https:\/\/www.dmsjuridica.com\/buscador_20179478954\/corteconstitucionalcronologico202454587\/t-114-03\/\" class=\"_self pt-cv-readmore btn btn-success\" target=\"_self\">Ver Sentencia Completa...<\/a><\/div><\/div><\/div><\/div>\n<div class=\"col-md-12 col-sm-12 col-xs-12 pt-cv-content-item pt-cv-1-col\" ><div class='pt-cv-ifield'><a href=\"https:\/\/www.dmsjuridica.com\/buscador_20179478954\/corteconstitucionalcronologico202454587\/t-1138-03\/\" class=\"_self pt-cv-href-thumbnail pt-cv-thumb-default\" target=\"_self\" ><\/a>\n<div class=\"pt-cv-taxoterm above_title\"><a href='https:\/\/www.dmsjuridica.com\/buscador_20179478954\/corteconstitucionalcronologico202454587\/category\/buscar-en-toda-la-corte\/2003\/tutelas-2003\/' title='Tutelas 2003' class='pt-cv-tax-tutelas-2003'>Tutelas 2003<\/a><\/div>\n<h4 class=\"pt-cv-title\"><a href=\"https:\/\/www.dmsjuridica.com\/buscador_20179478954\/corteconstitucionalcronologico202454587\/t-1138-03\/\" class=\"_self\" target=\"_self\" >T-1138-03<\/a><\/h4>\n<div class=\"pt-cv-content\">\u00a0 \u00a0 Sentencia T-1138\/03 \u00a0 MATERNIDAD-Protecci\u00f3n constitucional especial \u00a0 DERECHO A LA ESTABILIDAD LABORAL REFORZADA DE MUJER EMBARAZADA-Es aplicable a todas las trabajadoras sin importar la relaci\u00f3n laboral que se tenga o la modalidad de contrato\/DERECHO A LA ESTABILIDAD LABORAL REFORZADA DE MUJER EMBARAZADA-Car\u00e1cter fundamental\u00a0 \u00a0 El principio de la estabilidad en el empleo, es aplicable a todos los trabajadores, independientemente de si el empleador es de car\u00e1cter privado o p\u00fablico y de la modalidad de contrato suscrito, en tanto lo que se busca es asegurar al empleado la certeza m\u00ednima de que el v\u00ednculo laboral contra\u00eddo no se romper\u00e1 ...<br \/><div class=\"pt-cv-rmwrap\"><a href=\"https:\/\/www.dmsjuridica.com\/buscador_20179478954\/corteconstitucionalcronologico202454587\/t-1138-03\/\" class=\"_self pt-cv-readmore btn btn-success\" target=\"_self\">Ver Sentencia Completa...<\/a><\/div><\/div><\/div><\/div>\n<div class=\"col-md-12 col-sm-12 col-xs-12 pt-cv-content-item pt-cv-1-col\" ><div class='pt-cv-ifield'><a href=\"https:\/\/www.dmsjuridica.com\/buscador_20179478954\/corteconstitucionalcronologico202454587\/t-1137-03\/\" class=\"_self pt-cv-href-thumbnail pt-cv-thumb-default\" target=\"_self\" ><\/a>\n<div class=\"pt-cv-taxoterm above_title\"><a href='https:\/\/www.dmsjuridica.com\/buscador_20179478954\/corteconstitucionalcronologico202454587\/category\/buscar-en-toda-la-corte\/2003\/tutelas-2003\/' title='Tutelas 2003' class='pt-cv-tax-tutelas-2003'>Tutelas 2003<\/a><\/div>\n<h4 class=\"pt-cv-title\"><a href=\"https:\/\/www.dmsjuridica.com\/buscador_20179478954\/corteconstitucionalcronologico202454587\/t-1137-03\/\" class=\"_self\" target=\"_self\" >T-1137-03<\/a><\/h4>\n<div class=\"pt-cv-content\">\u00a0 \u00a0 Sentencia T-1137\/03 \u00a0 ACCION DE TUTELA-Hecho superado por expedici\u00f3n de certificaci\u00f3n sobre lo cotizado para bono pensional \u00a0 Reiteraci\u00f3n de Jurisprudencia \u00a0 Referencia: expediente T\u2013777535 \u00a0 Acci\u00f3n de tutela instaurada por Sixto Antonio Benavides Narv\u00e1ez contra la Caja de Cr\u00e9dito Agrario en liquidaci\u00f3n. \u00a0 Magistrado Ponente: \u00a0 Dr. RODRIGO ESCOBAR GIL \u00a0 Bogot\u00e1 D. C., veintisiete (27) de noviembre de dos mil tres (2003). \u00a0 La Sala Quinta de Revisi\u00f3n de la Corte Constitucional, en ejercicio de sus competencias constitucionales y legales, en particular las contenidas en los art\u00edculos 86 y 241, numeral 9, de la Constituci\u00f3n y ...<br \/><div class=\"pt-cv-rmwrap\"><a href=\"https:\/\/www.dmsjuridica.com\/buscador_20179478954\/corteconstitucionalcronologico202454587\/t-1137-03\/\" class=\"_self pt-cv-readmore btn btn-success\" target=\"_self\">Ver Sentencia Completa...<\/a><\/div><\/div><\/div><\/div>\n<div class=\"col-md-12 col-sm-12 col-xs-12 pt-cv-content-item pt-cv-1-col\" ><div class='pt-cv-ifield'><a href=\"https:\/\/www.dmsjuridica.com\/buscador_20179478954\/corteconstitucionalcronologico202454587\/t-1135-03\/\" class=\"_self pt-cv-href-thumbnail pt-cv-thumb-default\" target=\"_self\" ><\/a>\n<div class=\"pt-cv-taxoterm above_title\"><a href='https:\/\/www.dmsjuridica.com\/buscador_20179478954\/corteconstitucionalcronologico202454587\/category\/buscar-en-toda-la-corte\/2003\/tutelas-2003\/' title='Tutelas 2003' class='pt-cv-tax-tutelas-2003'>Tutelas 2003<\/a><\/div>\n<h4 class=\"pt-cv-title\"><a href=\"https:\/\/www.dmsjuridica.com\/buscador_20179478954\/corteconstitucionalcronologico202454587\/t-1135-03\/\" class=\"_self\" target=\"_self\" >T-1135-03<\/a><\/h4>\n<div class=\"pt-cv-content\">\u00a0 \u00a0 Sentencia T-1135\/03 \u00a0 SECUESTRO-Pago de salarios \u00a0 De manera reiterada la jurisprudencia de esta Corte, ha establecido que el secuestro constituye una causal de fuerza mayor. En este sentido, tal fen\u00f3meno reviste el doble car\u00e1cter de irresistible e imprevisible dentro del \u00a0presupuesto \u00a0de que es el Estado quien debe proteger \u00a0a todas las personas residentes en Colombia en su honra, bienes, creencias y dem\u00e1s derechos y libertades\u201d. En este contexto, la protecci\u00f3n de los trabajadores secuestrados y desaparecidos, as\u00ed como la de sus familias constituye una l\u00ednea jurisprudencia consolidada de esta Corte. En efecto, con la finalidad de ...<br \/><div class=\"pt-cv-rmwrap\"><a href=\"https:\/\/www.dmsjuridica.com\/buscador_20179478954\/corteconstitucionalcronologico202454587\/t-1135-03\/\" class=\"_self pt-cv-readmore btn btn-success\" target=\"_self\">Ver Sentencia Completa...<\/a><\/div><\/div><\/div><\/div>\n<div class=\"col-md-12 col-sm-12 col-xs-12 pt-cv-content-item pt-cv-1-col\" ><div class='pt-cv-ifield'><a href=\"https:\/\/www.dmsjuridica.com\/buscador_20179478954\/corteconstitucionalcronologico202454587\/t-1134-03\/\" class=\"_self pt-cv-href-thumbnail pt-cv-thumb-default\" target=\"_self\" ><\/a>\n<div class=\"pt-cv-taxoterm above_title\"><a href='https:\/\/www.dmsjuridica.com\/buscador_20179478954\/corteconstitucionalcronologico202454587\/category\/buscar-en-toda-la-corte\/2003\/tutelas-2003\/' title='Tutelas 2003' class='pt-cv-tax-tutelas-2003'>Tutelas 2003<\/a><\/div>\n<h4 class=\"pt-cv-title\"><a href=\"https:\/\/www.dmsjuridica.com\/buscador_20179478954\/corteconstitucionalcronologico202454587\/t-1134-03\/\" class=\"_self\" target=\"_self\" >T-1134-03<\/a><\/h4>\n<div class=\"pt-cv-content\">\u00a0 \u00a0 Sentencia T-1134\/03 \u00a0 DERECHO A LA SALUD DEL SOLDADO-Protecci\u00f3n por autoridades militares \u00a0 Reiteraci\u00f3n de Jurisprudencia \u00a0 Referencia: expediente T-780768 \u00a0 Acci\u00f3n de tutela instaurada por Alexander Fern\u00e1ndez Ram\u00edrez contra el Ministerio de Defensa \u2013Ej\u00e9rcito Nacional. \u00a0 Dr. JAIME ARAUJO RENTER\u00cdA \u00a0 Bogot\u00e1, D. C., veintiocho (28) de noviembre de dos mil tres (2003). \u00a0 La Sala Primera de Revisi\u00f3n de la Corte Constitucional, integrada por los magistrados Alfredo Beltr\u00e1n Sierra, Manuel Jos\u00e9 Cepeda Espinosa y Jaime Ara\u00fajo Renter\u00eda, en ejercicio de sus competencias constitucionales y legales, en particular las contenidas en los art\u00edculos 86 y 241, numeral ...<br \/><div class=\"pt-cv-rmwrap\"><a href=\"https:\/\/www.dmsjuridica.com\/buscador_20179478954\/corteconstitucionalcronologico202454587\/t-1134-03\/\" class=\"_self pt-cv-readmore btn btn-success\" target=\"_self\">Ver Sentencia Completa...<\/a><\/div><\/div><\/div><\/div>\n<div class=\"col-md-12 col-sm-12 col-xs-12 pt-cv-content-item pt-cv-1-col\" ><div class='pt-cv-ifield'><a href=\"https:\/\/www.dmsjuridica.com\/buscador_20179478954\/corteconstitucionalcronologico202454587\/t-1133-03\/\" class=\"_self pt-cv-href-thumbnail pt-cv-thumb-default\" target=\"_self\" ><\/a>\n<div class=\"pt-cv-taxoterm above_title\"><a href='https:\/\/www.dmsjuridica.com\/buscador_20179478954\/corteconstitucionalcronologico202454587\/category\/buscar-en-toda-la-corte\/2003\/tutelas-2003\/' title='Tutelas 2003' class='pt-cv-tax-tutelas-2003'>Tutelas 2003<\/a><\/div>\n<h4 class=\"pt-cv-title\"><a href=\"https:\/\/www.dmsjuridica.com\/buscador_20179478954\/corteconstitucionalcronologico202454587\/t-1133-03\/\" class=\"_self\" target=\"_self\" >T-1133-03<\/a><\/h4>\n<div class=\"pt-cv-content\">\u00a0 \u00a0 Sentencia T-1133\/03 \u00a0 REMATE DE INMUEBLE-Existencia de otro medio de defensa judicial \u00a0 La Sala Civil del Tribunal Superior de Bogot\u00e1 deneg\u00f3 la tutela solicitada, por considerar que el demandante no hab\u00eda hecho uso de los mecanismos de defensa judicial de sus derechos en el tr\u00e1mite del proceso ejecutivo singular promovido por el Banco Colpatria contra Perdypal S.A. y otros. Esta Sala comparte ese fundamento de la decisi\u00f3n del Tribunal, confirmada por la Sala de Casaci\u00f3n Civil de la Corte Suprema de Justicia, pues f\u00e1cilmente advierte la incuria procesal del demandante. En efecto, el actor se abstuvo de ...<br \/><div class=\"pt-cv-rmwrap\"><a href=\"https:\/\/www.dmsjuridica.com\/buscador_20179478954\/corteconstitucionalcronologico202454587\/t-1133-03\/\" class=\"_self pt-cv-readmore btn btn-success\" target=\"_self\">Ver Sentencia Completa...<\/a><\/div><\/div><\/div><\/div>\n<div class=\"col-md-12 col-sm-12 col-xs-12 pt-cv-content-item pt-cv-1-col\" ><div class='pt-cv-ifield'><a href=\"https:\/\/www.dmsjuridica.com\/buscador_20179478954\/corteconstitucionalcronologico202454587\/t-1132-03\/\" class=\"_self pt-cv-href-thumbnail pt-cv-thumb-default\" target=\"_self\" ><\/a>\n<div class=\"pt-cv-taxoterm above_title\"><a href='https:\/\/www.dmsjuridica.com\/buscador_20179478954\/corteconstitucionalcronologico202454587\/category\/buscar-en-toda-la-corte\/2003\/tutelas-2003\/' title='Tutelas 2003' class='pt-cv-tax-tutelas-2003'>Tutelas 2003<\/a><\/div>\n<h4 class=\"pt-cv-title\"><a href=\"https:\/\/www.dmsjuridica.com\/buscador_20179478954\/corteconstitucionalcronologico202454587\/t-1132-03\/\" class=\"_self\" target=\"_self\" >T-1132-03<\/a><\/h4>\n<div class=\"pt-cv-content\">\u00a0 \u00a0 Sentencia T-1132\/03 \u00a0 AGENCIA OFICIOSA EN TUTELA-C\u00f3nyuge en representaci\u00f3n de esposa enferma \u00a0 A juicio de la Corte, aparece acreditado por la manifestaci\u00f3n no controvertida del accionante en el sentido de que al momento de interposici\u00f3n de la tutela la actora se hallaba imposibilitada para ejercer su propia defensa, por encontrarse gravemente enferma, situaci\u00f3n que inclusive la oblig\u00f3 a retirarse de la empresa para la que trabajaba, raz\u00f3n suficiente para considerar que el accionante s\u00ed ten\u00eda la legitimaci\u00f3n necesaria para actuar en el presente asunto. \u00a0 PLAN OBLIGATORIO DE SALUD Y PLAN ADICIONAL DE SALUD-Diferencias \u00a0 La diferencia ...<br \/><div class=\"pt-cv-rmwrap\"><a href=\"https:\/\/www.dmsjuridica.com\/buscador_20179478954\/corteconstitucionalcronologico202454587\/t-1132-03\/\" class=\"_self pt-cv-readmore btn btn-success\" target=\"_self\">Ver Sentencia Completa...<\/a><\/div><\/div><\/div><\/div>\n<div class=\"col-md-12 col-sm-12 col-xs-12 pt-cv-content-item pt-cv-1-col\" ><div class='pt-cv-ifield'><a href=\"https:\/\/www.dmsjuridica.com\/buscador_20179478954\/corteconstitucionalcronologico202454587\/t-1131-03\/\" class=\"_self pt-cv-href-thumbnail pt-cv-thumb-default\" target=\"_self\" ><\/a>\n<div class=\"pt-cv-taxoterm above_title\"><a href='https:\/\/www.dmsjuridica.com\/buscador_20179478954\/corteconstitucionalcronologico202454587\/category\/buscar-en-toda-la-corte\/2003\/tutelas-2003\/' title='Tutelas 2003' class='pt-cv-tax-tutelas-2003'>Tutelas 2003<\/a><\/div>\n<h4 class=\"pt-cv-title\"><a href=\"https:\/\/www.dmsjuridica.com\/buscador_20179478954\/corteconstitucionalcronologico202454587\/t-1131-03\/\" class=\"_self\" target=\"_self\" >T-1131-03<\/a><\/h4>\n<div class=\"pt-cv-content\">\u00a0 \u00a0 Sentencia T-1131\/03 \u00a0 IMPUESTO DE INDUSTRIA Y COMERCIO-Obligaci\u00f3n de pagarlo e improcedencia de tutela \u00a0 Si el actor manifiesta su voluntad expresa y consciente de no querer pagar el impuesto de industria y comercio, como mecanismo para forzar indebidamente la modificaci\u00f3n de una decisi\u00f3n p\u00fablica que lo afecta, no puede considerarse ahora legitimado para acudir a la acci\u00f3n de tutela en busca de la protecci\u00f3n de su conducta contraria a los par\u00e1metros superiores de convivencia pac\u00edfica y de los preceptos que imponen a todo ciudadano los deberes de \u201cRespetar la Constituci\u00f3n y la ley\u201d y de \u201cContribuir al ...<br \/><div class=\"pt-cv-rmwrap\"><a href=\"https:\/\/www.dmsjuridica.com\/buscador_20179478954\/corteconstitucionalcronologico202454587\/t-1131-03\/\" class=\"_self pt-cv-readmore btn btn-success\" target=\"_self\">Ver Sentencia Completa...<\/a><\/div><\/div><\/div><\/div>\n<div class=\"col-md-12 col-sm-12 col-xs-12 pt-cv-content-item pt-cv-1-col\" ><div class='pt-cv-ifield'><a href=\"https:\/\/www.dmsjuridica.com\/buscador_20179478954\/corteconstitucionalcronologico202454587\/t-1130-03\/\" class=\"_self pt-cv-href-thumbnail pt-cv-thumb-default\" target=\"_self\" ><\/a>\n<div class=\"pt-cv-taxoterm above_title\"><a href='https:\/\/www.dmsjuridica.com\/buscador_20179478954\/corteconstitucionalcronologico202454587\/category\/buscar-en-toda-la-corte\/2003\/tutelas-2003\/' title='Tutelas 2003' class='pt-cv-tax-tutelas-2003'>Tutelas 2003<\/a><\/div>\n<h4 class=\"pt-cv-title\"><a href=\"https:\/\/www.dmsjuridica.com\/buscador_20179478954\/corteconstitucionalcronologico202454587\/t-1130-03\/\" class=\"_self\" target=\"_self\" >T-1130-03<\/a><\/h4>\n<div class=\"pt-cv-content\">\u00a0 \u00a0 Sentencia T-1130\/03 \u00a0 REGIMEN ESPECIAL ADUANERO DE MUNICIPIOS EN LA GUAJIRA \u00a0 MINORIAS ETNICAS Y CULTURALES-Son titulares de derechos diferenciados y distintos\/COMUNIDAD INDIGENA-Criterios de diferenciaci\u00f3n con otras asociaciones de individuos \u00a0 Las minor\u00edas \u00e9tnicas y culturales que habitan en el territorio colombiano son titulares de derechos diferenciados y distintos a los que ostentan los dem\u00e1s nacionales, tal y como lo ha se\u00f1alado esta Corporaci\u00f3n en decisiones anteriores. En la misma decisi\u00f3n, la Corte estableci\u00f3 los criterios de diferenciaci\u00f3n entre las comunidades ind\u00edgenas y otras asociaciones de individuos, se\u00f1al\u00e1ndose que sus miembros (i) tienen un v\u00ednculo comunitario establecido desde ...<br \/><div class=\"pt-cv-rmwrap\"><a href=\"https:\/\/www.dmsjuridica.com\/buscador_20179478954\/corteconstitucionalcronologico202454587\/t-1130-03\/\" class=\"_self pt-cv-readmore btn btn-success\" target=\"_self\">Ver Sentencia Completa...<\/a><\/div><\/div><\/div><\/div>\n<div class=\"col-md-12 col-sm-12 col-xs-12 pt-cv-content-item pt-cv-1-col\" ><div class='pt-cv-ifield'><a href=\"https:\/\/www.dmsjuridica.com\/buscador_20179478954\/corteconstitucionalcronologico202454587\/t-113-03\/\" class=\"_self pt-cv-href-thumbnail pt-cv-thumb-default\" target=\"_self\" ><\/a>\n<div class=\"pt-cv-taxoterm above_title\"><a href='https:\/\/www.dmsjuridica.com\/buscador_20179478954\/corteconstitucionalcronologico202454587\/category\/buscar-en-toda-la-corte\/2003\/tutelas-2003\/' title='Tutelas 2003' class='pt-cv-tax-tutelas-2003'>Tutelas 2003<\/a><\/div>\n<h4 class=\"pt-cv-title\"><a href=\"https:\/\/www.dmsjuridica.com\/buscador_20179478954\/corteconstitucionalcronologico202454587\/t-113-03\/\" class=\"_self\" target=\"_self\" >T-113-03<\/a><\/h4>\n<div class=\"pt-cv-content\">\u00a0 \u00a0 Sentencia T-113\/03 \u00a0 DERECHO A LA ESTABILIDAD LABORAL REFORZADA DE MUJER EMBARAZADA-Conocimiento por empleador de estado de gravidez con anterioridad al vencimiento del contrato de trabajo\/DERECHO A LA ESTABILIDAD LABORAL REFORZADA DE MUJER EMBARAZADA-Reintegro \u00a0 Resulta claro para la Sala que el empleador desconoci\u00f3 las normas vigentes respecto al despido de la mujer embarazada, toda vez que ten\u00eda conocimiento de su estado antes de proceder a su despido como se deduce de lo anterior. Por tal motivo, el despido no surte ning\u00fan efecto. La Sala proteger\u00e1 el derecho a la estabilidad reforzada de la actora a quien se ...<br \/><div class=\"pt-cv-rmwrap\"><a href=\"https:\/\/www.dmsjuridica.com\/buscador_20179478954\/corteconstitucionalcronologico202454587\/t-113-03\/\" class=\"_self pt-cv-readmore btn btn-success\" target=\"_self\">Ver Sentencia Completa...<\/a><\/div><\/div><\/div><\/div>\n<div class=\"col-md-12 col-sm-12 col-xs-12 pt-cv-content-item pt-cv-1-col\" ><div class='pt-cv-ifield'><a href=\"https:\/\/www.dmsjuridica.com\/buscador_20179478954\/corteconstitucionalcronologico202454587\/t-1129-03\/\" class=\"_self pt-cv-href-thumbnail pt-cv-thumb-default\" target=\"_self\" ><\/a>\n<div class=\"pt-cv-taxoterm above_title\"><a href='https:\/\/www.dmsjuridica.com\/buscador_20179478954\/corteconstitucionalcronologico202454587\/category\/buscar-en-toda-la-corte\/2003\/tutelas-2003\/' title='Tutelas 2003' class='pt-cv-tax-tutelas-2003'>Tutelas 2003<\/a><\/div>\n<h4 class=\"pt-cv-title\"><a href=\"https:\/\/www.dmsjuridica.com\/buscador_20179478954\/corteconstitucionalcronologico202454587\/t-1129-03\/\" class=\"_self\" target=\"_self\" >T-1129-03<\/a><\/h4>\n<div class=\"pt-cv-content\">\u00a0 \u00a0 Sentencia T-1129\/03 \u00a0 DERECHO DE PETICION-Resoluci\u00f3n de fondo, clara y precisa\/ASCENSO EN EL ESCALAFON DOCENTE-Deber de dar respuesta sobre falta de reglamentaci\u00f3n por el Gobierno Nacional \u00a0 El Gobierno expidi\u00f3 el Decreto 300 de 2002, que reglamenta el tr\u00e1mite de las solicitudes de ascenso en el escalaf\u00f3n presentadas antes de la vigencia de la Ley 715, la reglamentaci\u00f3n de las solicitudes presentadas despu\u00e9s de esa fecha a\u00fan se halla pendiente. Es m\u00e1s, el Ministerio de Educaci\u00f3n Nacional expidi\u00f3 la Circular en la que advierte que sin perjuicio de la recepci\u00f3n de documentos que aporten los docentes para efectos ...<br \/><div class=\"pt-cv-rmwrap\"><a href=\"https:\/\/www.dmsjuridica.com\/buscador_20179478954\/corteconstitucionalcronologico202454587\/t-1129-03\/\" class=\"_self pt-cv-readmore btn btn-success\" target=\"_self\">Ver Sentencia Completa...<\/a><\/div><\/div><\/div><\/div>\n<div class=\"col-md-12 col-sm-12 col-xs-12 pt-cv-content-item pt-cv-1-col\" ><div class='pt-cv-ifield'><a href=\"https:\/\/www.dmsjuridica.com\/buscador_20179478954\/corteconstitucionalcronologico202454587\/t-1128-03\/\" class=\"_self pt-cv-href-thumbnail pt-cv-thumb-default\" target=\"_self\" ><\/a>\n<div class=\"pt-cv-taxoterm above_title\"><a href='https:\/\/www.dmsjuridica.com\/buscador_20179478954\/corteconstitucionalcronologico202454587\/category\/buscar-en-toda-la-corte\/2003\/tutelas-2003\/' title='Tutelas 2003' class='pt-cv-tax-tutelas-2003'>Tutelas 2003<\/a><\/div>\n<h4 class=\"pt-cv-title\"><a href=\"https:\/\/www.dmsjuridica.com\/buscador_20179478954\/corteconstitucionalcronologico202454587\/t-1128-03\/\" class=\"_self\" target=\"_self\" >T-1128-03<\/a><\/h4>\n<div class=\"pt-cv-content\">\u00a0 \u00a0 Sentencia T-1128\/03 \u00a0 DERECHO DE PETICION-Inclusi\u00f3n en n\u00f3mina de docente \u00a0 La inclusi\u00f3n en n\u00f3mina de pensionados es un requisito para que el beneficiado pueda gozar de su derecho adquirido y por consiguiente recibir la mesada necesaria para garantizar su m\u00ednimo vital. La inclusi\u00f3n es un acto que de no efectuarse afecta el derecho a la Seguridad Social. \u00a0 ACTO PROPIO-Respeto \u00a0 Si una entidad reconoce un derecho pensional, este acto produce efectos jur\u00eddicos y por lo tanto, no puede ser desconocido unilateralmente. Si quien profiri\u00f3 la Resoluci\u00f3n considera que se equivoc\u00f3 debe demandar un propio acto, acudiendo ...<br \/><div class=\"pt-cv-rmwrap\"><a href=\"https:\/\/www.dmsjuridica.com\/buscador_20179478954\/corteconstitucionalcronologico202454587\/t-1128-03\/\" class=\"_self pt-cv-readmore btn btn-success\" target=\"_self\">Ver Sentencia Completa...<\/a><\/div><\/div><\/div><\/div>\n<div class=\"col-md-12 col-sm-12 col-xs-12 pt-cv-content-item pt-cv-1-col\" ><div class='pt-cv-ifield'><a href=\"https:\/\/www.dmsjuridica.com\/buscador_20179478954\/corteconstitucionalcronologico202454587\/t-1127-03\/\" class=\"_self pt-cv-href-thumbnail pt-cv-thumb-default\" target=\"_self\" ><\/a>\n<div class=\"pt-cv-taxoterm above_title\"><a href='https:\/\/www.dmsjuridica.com\/buscador_20179478954\/corteconstitucionalcronologico202454587\/category\/buscar-en-toda-la-corte\/2003\/tutelas-2003\/' title='Tutelas 2003' class='pt-cv-tax-tutelas-2003'>Tutelas 2003<\/a><\/div>\n<h4 class=\"pt-cv-title\"><a href=\"https:\/\/www.dmsjuridica.com\/buscador_20179478954\/corteconstitucionalcronologico202454587\/t-1127-03\/\" class=\"_self\" target=\"_self\" >T-1127-03<\/a><\/h4>\n<div class=\"pt-cv-content\">\u00a0 \u00a0 Sentencia T-1127\/03 \u00a0 AUTONOMIA UNIVERSITARIA-Definici\u00f3n de criterios y sistema de calificaci\u00f3n de estudiantes \u00a0 AUTONOMIA UNIVERSITARIA-Exigencia de requisitos que garanticen la mejor calidad de educaci\u00f3n \u00a0 AUTONOMIA UNIVERSITARIA-Libertad de exigir pruebas de conocimiento, preparatorios, cursos e idiomas \u00a0 ABOGADO-Posibilidad de las Universidades de exigir mayores requisitos para obtener el grado \u00a0 UNIVERSIDAD-Fijaci\u00f3n de ex\u00e1menes preparatorios para obtener t\u00edtulo de abogado \u00a0 DERECHO A LA EDUCACION-Implica el deber de cumplir los reglamentos educativos \u00a0 FALLO DE TUTELA-Competencia exclusiva de la Corte para fijar alcance de los fallos\/CORTE CONSTITUCIONAL-Competencia para darle efectos inter pares a sus providencias\/SENTENCIA DE LA CORTE ...<br \/><div class=\"pt-cv-rmwrap\"><a href=\"https:\/\/www.dmsjuridica.com\/buscador_20179478954\/corteconstitucionalcronologico202454587\/t-1127-03\/\" class=\"_self pt-cv-readmore btn btn-success\" target=\"_self\">Ver Sentencia Completa...<\/a><\/div><\/div><\/div><\/div>\n<div class=\"col-md-12 col-sm-12 col-xs-12 pt-cv-content-item pt-cv-1-col\" ><div class='pt-cv-ifield'><a href=\"https:\/\/www.dmsjuridica.com\/buscador_20179478954\/corteconstitucionalcronologico202454587\/t-1126-03\/\" class=\"_self pt-cv-href-thumbnail pt-cv-thumb-default\" target=\"_self\" ><\/a>\n<div class=\"pt-cv-taxoterm above_title\"><a href='https:\/\/www.dmsjuridica.com\/buscador_20179478954\/corteconstitucionalcronologico202454587\/category\/buscar-en-toda-la-corte\/2003\/tutelas-2003\/' title='Tutelas 2003' class='pt-cv-tax-tutelas-2003'>Tutelas 2003<\/a><\/div>\n<h4 class=\"pt-cv-title\"><a href=\"https:\/\/www.dmsjuridica.com\/buscador_20179478954\/corteconstitucionalcronologico202454587\/t-1126-03\/\" class=\"_self\" target=\"_self\" >T-1126-03<\/a><\/h4>\n<div class=\"pt-cv-content\">\u00a0 \u00a0 Sentencia T-1126\/03 \u00a0 DERECHO DE ACCESO AL EXPEDIENTE\/INVESTIGACION PREVIA EN EL PROCESO PENAL\/DERECHOS DE LOS INTERVINIENTES EN LA INVESTIGACION PREVIA EN EL PROCESO PENAL \u00a0 El derecho de acceso al expediente se erige como el primer y m\u00e1s eficaz instrumento del cual puede echar mano un imputado para conocer las acusaciones en su contra y los hechos por los cuales es investigado, y con fundamento en ello dise\u00f1ar la estrategia de defensa para las etapas subsiguientes del proceso. Solamente as\u00ed se garantiza una verdadera \u201cigualdad de armas\u201d entre los intervinientes. En este sentido la Corte aclara que no ...<br \/><div class=\"pt-cv-rmwrap\"><a href=\"https:\/\/www.dmsjuridica.com\/buscador_20179478954\/corteconstitucionalcronologico202454587\/t-1126-03\/\" class=\"_self pt-cv-readmore btn btn-success\" target=\"_self\">Ver Sentencia Completa...<\/a><\/div><\/div><\/div><\/div>\n<div class=\"col-md-12 col-sm-12 col-xs-12 pt-cv-content-item pt-cv-1-col\" ><div class='pt-cv-ifield'><a href=\"https:\/\/www.dmsjuridica.com\/buscador_20179478954\/corteconstitucionalcronologico202454587\/t-1125-03\/\" class=\"_self pt-cv-href-thumbnail pt-cv-thumb-default\" target=\"_self\" ><\/a>\n<div class=\"pt-cv-taxoterm above_title\"><a href='https:\/\/www.dmsjuridica.com\/buscador_20179478954\/corteconstitucionalcronologico202454587\/category\/buscar-en-toda-la-corte\/2003\/tutelas-2003\/' title='Tutelas 2003' class='pt-cv-tax-tutelas-2003'>Tutelas 2003<\/a><\/div>\n<h4 class=\"pt-cv-title\"><a href=\"https:\/\/www.dmsjuridica.com\/buscador_20179478954\/corteconstitucionalcronologico202454587\/t-1125-03\/\" class=\"_self\" target=\"_self\" >T-1125-03<\/a><\/h4>\n<div class=\"pt-cv-content\">\u00a0 \u00a0 Sentencia T-1125\/03 \u00a0 DERECHO A LA EDUCACION-No se vulnera al utilizar establecimiento educativo como albergue temporal \u00a0 DEBERES SOCIALES DEL ESTADO-Protecci\u00f3n a v\u00edctimas de desastres \u00a0 DEBER DE SOLIDARIDAD DE PARTICULARES POR DESASTRE-Juez de tutela puede exigir cumplimiento \u00a0 La Sala manifiesta que es jurisprudencia reiterada de esta Corte, afirmar que el juez de tutela puede exigir el cumplimiento de un deber de solidaridad a un particular, cuando su incumplimiento afecte los derechos fundamentales de una persona que, por ausencia de regulaci\u00f3n legal, carece de protecci\u00f3n o se encuentra en una especial situaci\u00f3n de debilidad manifiesta o de ...<br \/><div class=\"pt-cv-rmwrap\"><a href=\"https:\/\/www.dmsjuridica.com\/buscador_20179478954\/corteconstitucionalcronologico202454587\/t-1125-03\/\" class=\"_self pt-cv-readmore btn btn-success\" target=\"_self\">Ver Sentencia Completa...<\/a><\/div><\/div><\/div><\/div>\n<div class=\"col-md-12 col-sm-12 col-xs-12 pt-cv-content-item pt-cv-1-col\" ><div class='pt-cv-ifield'><a href=\"https:\/\/www.dmsjuridica.com\/buscador_20179478954\/corteconstitucionalcronologico202454587\/t-1124-03\/\" class=\"_self pt-cv-href-thumbnail pt-cv-thumb-default\" target=\"_self\" ><\/a>\n<div class=\"pt-cv-taxoterm above_title\"><a href='https:\/\/www.dmsjuridica.com\/buscador_20179478954\/corteconstitucionalcronologico202454587\/category\/buscar-en-toda-la-corte\/2003\/tutelas-2003\/' title='Tutelas 2003' class='pt-cv-tax-tutelas-2003'>Tutelas 2003<\/a><\/div>\n<h4 class=\"pt-cv-title\"><a href=\"https:\/\/www.dmsjuridica.com\/buscador_20179478954\/corteconstitucionalcronologico202454587\/t-1124-03\/\" class=\"_self\" target=\"_self\" >T-1124-03<\/a><\/h4>\n<div class=\"pt-cv-content\">\u00a0 \u00a0 Sentencia T-1124\/03 \u00a0 ACCION DE TUTELA-Hecho superado por entrega de historia cl\u00ednica a la paciente \u00a0 Referencia: expediente T-780073 \u00a0 Acci\u00f3n de tutela instaurada por Ana Vitelia Su\u00e1rez Villamil contra Alvaro Espinosa Torres. \u00a0 Magistrado Ponente: \u00a0 Dr. JAIME C\u00d3RDOBA TRIVI\u00d1O\u00a0 \u00a0 La Sala Cuarta de Revisi\u00f3n de la Corte Constitucional, en ejercicio de sus competencias constitucionales y legales, profiere la siguiente \u00a0 SENTENCIA \u00a0 en el proceso de revisi\u00f3n de la providencia dictada en el asunto de la referencia por el Juzgado Quinto Penal Municipal de Bogot\u00e1, D. C. \u00a0 I. ANTECEDENTES \u00a0 1. Hechos y fundamentos ...<br \/><div class=\"pt-cv-rmwrap\"><a href=\"https:\/\/www.dmsjuridica.com\/buscador_20179478954\/corteconstitucionalcronologico202454587\/t-1124-03\/\" class=\"_self pt-cv-readmore btn btn-success\" target=\"_self\">Ver Sentencia Completa...<\/a><\/div><\/div><\/div><\/div>\n<div class=\"col-md-12 col-sm-12 col-xs-12 pt-cv-content-item pt-cv-1-col\" ><div class='pt-cv-ifield'><a href=\"https:\/\/www.dmsjuridica.com\/buscador_20179478954\/corteconstitucionalcronologico202454587\/t-1123-03\/\" class=\"_self pt-cv-href-thumbnail pt-cv-thumb-default\" target=\"_self\" ><\/a>\n<div class=\"pt-cv-taxoterm above_title\"><a href='https:\/\/www.dmsjuridica.com\/buscador_20179478954\/corteconstitucionalcronologico202454587\/category\/buscar-en-toda-la-corte\/2003\/tutelas-2003\/' title='Tutelas 2003' class='pt-cv-tax-tutelas-2003'>Tutelas 2003<\/a><\/div>\n<h4 class=\"pt-cv-title\"><a href=\"https:\/\/www.dmsjuridica.com\/buscador_20179478954\/corteconstitucionalcronologico202454587\/t-1123-03\/\" class=\"_self\" target=\"_self\" >T-1123-03<\/a><\/h4>\n<div class=\"pt-cv-content\">\u00a0 \u00a0 Sentencia T-1123\/03 \u00a0 RECURSO DE APELACION EN PROCESO PENAL-Sustentaci\u00f3n por escrito fue notificada tard\u00edamente \u00a0 DEBIDO PROCESO EN MATERIA PENAL\/NOTIFICACION EN PROCESO PENAL-Deb\u00eda hacerse personalmente y no a trav\u00e9s de la Oficina de Asesor\u00eda Jur\u00eddica de la C\u00e1rcel \u00a0 Para notificar al actor del oficio del 15 de agosto en el que se le corr\u00eda traslado hasta el d\u00eda 22 del mismo mes para sustentar por escrito el recurso de apelaci\u00f3n, el notificador del Juzgado accionado, se limit\u00f3 a dejar el correspondiente oficio en la Oficina de Asesor\u00eda Jur\u00eddica de la mencionada c\u00e1rcel, a fin de que \u00e9sta ...<br \/><div class=\"pt-cv-rmwrap\"><a href=\"https:\/\/www.dmsjuridica.com\/buscador_20179478954\/corteconstitucionalcronologico202454587\/t-1123-03\/\" class=\"_self pt-cv-readmore btn btn-success\" target=\"_self\">Ver Sentencia Completa...<\/a><\/div><\/div><\/div><\/div>\n<div class=\"col-md-12 col-sm-12 col-xs-12 pt-cv-content-item pt-cv-1-col\" ><div class='pt-cv-ifield'><a href=\"https:\/\/www.dmsjuridica.com\/buscador_20179478954\/corteconstitucionalcronologico202454587\/t-1122-03\/\" class=\"_self pt-cv-href-thumbnail pt-cv-thumb-default\" target=\"_self\" ><\/a>\n<div class=\"pt-cv-taxoterm above_title\"><a href='https:\/\/www.dmsjuridica.com\/buscador_20179478954\/corteconstitucionalcronologico202454587\/category\/buscar-en-toda-la-corte\/2003\/tutelas-2003\/' title='Tutelas 2003' class='pt-cv-tax-tutelas-2003'>Tutelas 2003<\/a><\/div>\n<h4 class=\"pt-cv-title\"><a href=\"https:\/\/www.dmsjuridica.com\/buscador_20179478954\/corteconstitucionalcronologico202454587\/t-1122-03\/\" class=\"_self\" target=\"_self\" >T-1122-03<\/a><\/h4>\n<div class=\"pt-cv-content\">\u00a0 \u00a0 Sentencia T-1122\/03 \u00a0 ACCION DE TUTELA-Improcedencia por cuanto salarios de los \u00faltimos tres meses ya fueron cancelados \u00a0 DERECHO AL MINIMO VITAL-No se aprecia vulneraci\u00f3n actual \u00a0 Reiteraci\u00f3n de Jurisprudencia \u00a0 Referencia: expediente T-778345 \u00a0 Acci\u00f3n de Tutela incoada por Umilse Calder\u00f3n Guti\u00e9rrez contra la E.S.E. Hospital San Vicente de Pa\u00fal de Prado (Tolima). \u00a0 Magistrado Ponente: \u00a0 Dr. ALVARO TAFUR GALVIS \u00a0 Bogot\u00e1 D. C., veintisiete (27) de noviembre de dos mil tres (2003). \u00a0 La Sala Octava de Revisi\u00f3n de Tutelas de la Corte Constitucional, compuesta por los Magistrados, Alvaro Tafur Galvis, Clara In\u00e9s Vargas Hern\u00e1ndez ...<br \/><div class=\"pt-cv-rmwrap\"><a href=\"https:\/\/www.dmsjuridica.com\/buscador_20179478954\/corteconstitucionalcronologico202454587\/t-1122-03\/\" class=\"_self pt-cv-readmore btn btn-success\" target=\"_self\">Ver Sentencia Completa...<\/a><\/div><\/div><\/div><\/div>\n<div class=\"col-md-12 col-sm-12 col-xs-12 pt-cv-content-item pt-cv-1-col\" ><div class='pt-cv-ifield'><a href=\"https:\/\/www.dmsjuridica.com\/buscador_20179478954\/corteconstitucionalcronologico202454587\/t-1121-03\/\" class=\"_self pt-cv-href-thumbnail pt-cv-thumb-default\" target=\"_self\" ><\/a>\n<div class=\"pt-cv-taxoterm above_title\"><a href='https:\/\/www.dmsjuridica.com\/buscador_20179478954\/corteconstitucionalcronologico202454587\/category\/buscar-en-toda-la-corte\/2003\/tutelas-2003\/' title='Tutelas 2003' class='pt-cv-tax-tutelas-2003'>Tutelas 2003<\/a><\/div>\n<h4 class=\"pt-cv-title\"><a href=\"https:\/\/www.dmsjuridica.com\/buscador_20179478954\/corteconstitucionalcronologico202454587\/t-1121-03\/\" class=\"_self\" target=\"_self\" >T-1121-03<\/a><\/h4>\n<div class=\"pt-cv-content\">\u00a0 \u00a0 Sentencia T-1121\/03 \u00a0 MEDIO DE DEFENSA JUDICIAL EFICAZ-Controversia de orden legal\/ACCION DE TUTELA-Improcedencia para definir derechos litigiosos de contenido econ\u00f3mico \u00a0 Dado que la controversia jur\u00eddica que se plantea en el asunto es de car\u00e1cter eminentemente contractual, la acci\u00f3n de tutela resulta improcedente y en ese orden de ideas, debe ser decidido es por el Juez del contrato, esto es, ante la jurisdicci\u00f3n ordinaria; pues escapan al conocimiento del juez constitucional de tutela, quien no est\u00e1 facultado para definir litigios de esa naturaleza, sin perjuicio de incurrir en la intromisi\u00f3n de funciones judiciales que no le han sido ...<br \/><div class=\"pt-cv-rmwrap\"><a href=\"https:\/\/www.dmsjuridica.com\/buscador_20179478954\/corteconstitucionalcronologico202454587\/t-1121-03\/\" class=\"_self pt-cv-readmore btn btn-success\" target=\"_self\">Ver Sentencia Completa...<\/a><\/div><\/div><\/div><\/div>\n<div class=\"col-md-12 col-sm-12 col-xs-12 pt-cv-content-item pt-cv-1-col\" ><div class='pt-cv-ifield'><a href=\"https:\/\/www.dmsjuridica.com\/buscador_20179478954\/corteconstitucionalcronologico202454587\/t-1120-03\/\" class=\"_self pt-cv-href-thumbnail pt-cv-thumb-default\" target=\"_self\" ><\/a>\n<div class=\"pt-cv-taxoterm above_title\"><a href='https:\/\/www.dmsjuridica.com\/buscador_20179478954\/corteconstitucionalcronologico202454587\/category\/buscar-en-toda-la-corte\/2003\/tutelas-2003\/' title='Tutelas 2003' class='pt-cv-tax-tutelas-2003'>Tutelas 2003<\/a><\/div>\n<h4 class=\"pt-cv-title\"><a href=\"https:\/\/www.dmsjuridica.com\/buscador_20179478954\/corteconstitucionalcronologico202454587\/t-1120-03\/\" class=\"_self\" target=\"_self\" >T-1120-03<\/a><\/h4>\n<div class=\"pt-cv-content\">\u00a0 \u00a0 Sentencia T-1120\/03 \u00a0 PROCESO DE PAGO POR CONSIGNACION\/EXCEPCION DE PLEITO PENDIENTE\/PRUEBA NULA DE PLENO DERECHO \u00a0 El inciso final del art\u00edculo 29 de la Carta Pol\u00edtica dispone la nulidad \u201cde pleno derecho\u201d de la prueba obtenida con violaci\u00f3n del debido proceso, y esta Corporaci\u00f3n tiene definido i) que esta nulidad requiere ser decretada, y ii) que para ello es menester analizar el alcance constitucional de las formalidades que fueron desconocidas, de los derechos fundamentales comprometidos en el procedimiento indebido, y del goce los derechos constitucionales que la decisi\u00f3n que apreci\u00f3 la prueba pretend\u00eda salvaguardar. Esta Sala observa que ...<br \/><div class=\"pt-cv-rmwrap\"><a href=\"https:\/\/www.dmsjuridica.com\/buscador_20179478954\/corteconstitucionalcronologico202454587\/t-1120-03\/\" class=\"_self pt-cv-readmore btn btn-success\" target=\"_self\">Ver Sentencia Completa...<\/a><\/div><\/div><\/div><\/div>\n<div class=\"col-md-12 col-sm-12 col-xs-12 pt-cv-content-item pt-cv-1-col\" ><div class='pt-cv-ifield'><a href=\"https:\/\/www.dmsjuridica.com\/buscador_20179478954\/corteconstitucionalcronologico202454587\/t-112-03\/\" class=\"_self pt-cv-href-thumbnail pt-cv-thumb-default\" target=\"_self\" ><\/a>\n<div class=\"pt-cv-taxoterm above_title\"><a href='https:\/\/www.dmsjuridica.com\/buscador_20179478954\/corteconstitucionalcronologico202454587\/category\/buscar-en-toda-la-corte\/2003\/tutelas-2003\/' title='Tutelas 2003' class='pt-cv-tax-tutelas-2003'>Tutelas 2003<\/a><\/div>\n<h4 class=\"pt-cv-title\"><a href=\"https:\/\/www.dmsjuridica.com\/buscador_20179478954\/corteconstitucionalcronologico202454587\/t-112-03\/\" class=\"_self\" target=\"_self\" >T-112-03<\/a><\/h4>\n<div class=\"pt-cv-content\">\u00a0 \u00a0 \u00a0\u00a0 \u00a0 \u00a0 \u00a0 \u00a0 \u00a0 \u00a0 \u00a0 \u00a0 \u00a0 \u00a0 \u00a0 \u00a0 \u00a0 \u00a0 \u00a0 \u00a0 \u00a0 \u00a0 \u00a0 \u00a0 \u00a0 \u00a0 \u00a0 \u00a0 \u00a0 \u00a0 \u00a0 \u00a0 \u00a0 \u00a0 \u00a0 \u00a0 \u00a0 \u00a0 \u00a0 \u00a0 \u00a0 \u00a0 \u00a0 \u00a0 \u00a0 \u00a0 \u00a0 \u00a0 \u00a0 \u00a0 \u00a0 \u00a0 \u00a0 \u00a0 \u00a0 \u00a0 \u00a0 \u00a0 \u00a0 \u00a0 \u00a0 \u00a0 \u00a0 \u00a0 \u00a0 \u00a0 \u00a0 \u00a0 \u00a0 \u00a0 \u00a0 \u00a0 \u00a0 \u00a0 \u00a0 \u00a0 \u00a0 \u00a0 \u00a0 \u00a0 \u00a0 \u00a0 \u00a0 \u00a0 \u00a0 \u00a0 \u00a0 \u00a0 \u00a0 \u00a0 \u00a0 \u00a0 \u00a0 \u00a0 \u00a0 \u00a0 \u00a0 \u00a0 \u00a0 \u00a0 \u00a0 ...<br \/><div class=\"pt-cv-rmwrap\"><a href=\"https:\/\/www.dmsjuridica.com\/buscador_20179478954\/corteconstitucionalcronologico202454587\/t-112-03\/\" class=\"_self pt-cv-readmore btn btn-success\" target=\"_self\">Ver Sentencia Completa...<\/a><\/div><\/div><\/div><\/div>\n<div class=\"col-md-12 col-sm-12 col-xs-12 pt-cv-content-item pt-cv-1-col\" ><div class='pt-cv-ifield'><a href=\"https:\/\/www.dmsjuridica.com\/buscador_20179478954\/corteconstitucionalcronologico202454587\/t-1117-03\/\" class=\"_self pt-cv-href-thumbnail pt-cv-thumb-default\" target=\"_self\" ><\/a>\n<div class=\"pt-cv-taxoterm above_title\"><a href='https:\/\/www.dmsjuridica.com\/buscador_20179478954\/corteconstitucionalcronologico202454587\/category\/buscar-en-toda-la-corte\/2003\/tutelas-2003\/' title='Tutelas 2003' class='pt-cv-tax-tutelas-2003'>Tutelas 2003<\/a><\/div>\n<h4 class=\"pt-cv-title\"><a href=\"https:\/\/www.dmsjuridica.com\/buscador_20179478954\/corteconstitucionalcronologico202454587\/t-1117-03\/\" class=\"_self\" target=\"_self\" >T-1117-03<\/a><\/h4>\n<div class=\"pt-cv-content\">\u00a0 \u00a0 Sentencia T-1117\/03 \u00a0 ACCION DE TUTELA-Procedencia excepcional pago de acreencias laborales \u00a0 PENSION COMPARTIDA-Deber de informar sobre nuevo reconocimiento de pensi\u00f3n a quien corresponde \u00a0 PAGO DE LO NO DEBIDO EN PENSIONES-Beneficiario no puede apropiarse de lo pagado en exceso \u00a0 Cuando las entidades responsables del pago de las mesadas pensionales no han intercambiado la informaci\u00f3n necesaria para ajustar sus obligaciones pensionales a lo legalmente debido, ni han sido informadas por el beneficiario de la situaci\u00f3n, y se ha producido un pago de lo no debido, tampoco puede el beneficiario apropiarse de lo que ha sido pagado en ...<br \/><div class=\"pt-cv-rmwrap\"><a href=\"https:\/\/www.dmsjuridica.com\/buscador_20179478954\/corteconstitucionalcronologico202454587\/t-1117-03\/\" class=\"_self pt-cv-readmore btn btn-success\" target=\"_self\">Ver Sentencia Completa...<\/a><\/div><\/div><\/div><\/div>\n<div class=\"col-md-12 col-sm-12 col-xs-12 pt-cv-content-item pt-cv-1-col\" ><div class='pt-cv-ifield'><a href=\"https:\/\/www.dmsjuridica.com\/buscador_20179478954\/corteconstitucionalcronologico202454587\/t-1112-03\/\" class=\"_self pt-cv-href-thumbnail pt-cv-thumb-default\" target=\"_self\" ><\/a>\n<div class=\"pt-cv-taxoterm above_title\"><a href='https:\/\/www.dmsjuridica.com\/buscador_20179478954\/corteconstitucionalcronologico202454587\/category\/buscar-en-toda-la-corte\/2003\/tutelas-2003\/' title='Tutelas 2003' class='pt-cv-tax-tutelas-2003'>Tutelas 2003<\/a><\/div>\n<h4 class=\"pt-cv-title\"><a href=\"https:\/\/www.dmsjuridica.com\/buscador_20179478954\/corteconstitucionalcronologico202454587\/t-1112-03\/\" class=\"_self\" target=\"_self\" >T-1112-03<\/a><\/h4>\n<div class=\"pt-cv-content\">\u00a0 \u00a0 Sentencia T-1112\/03 \u00a0 Uno de aquellos eventos en los que puede acudirse a la acci\u00f3n de tutela es la presencia de un defecto sustantivo, el cual se configura cuando la autoridad judicial respectiva desconoce las normas de rango legal o infralegal aplicables en un caso determinado, ya sea por su absoluta inadvertencia, por su aplicaci\u00f3n indebida, por error grave en su interpretaci\u00f3n o por desconocimiento del alcance de las sentencias judiciales con efectos erga omnes cuyos precedentes se ubican en el mismo rango de la norma sobre la que pesa la cosa juzgada. Una de las hip\u00f3tesis que ...<br \/><div class=\"pt-cv-rmwrap\"><a href=\"https:\/\/www.dmsjuridica.com\/buscador_20179478954\/corteconstitucionalcronologico202454587\/t-1112-03\/\" class=\"_self pt-cv-readmore btn btn-success\" target=\"_self\">Ver Sentencia Completa...<\/a><\/div><\/div><\/div><\/div>\n<div class=\"col-md-12 col-sm-12 col-xs-12 pt-cv-content-item pt-cv-1-col\" ><div class='pt-cv-ifield'><a href=\"https:\/\/www.dmsjuridica.com\/buscador_20179478954\/corteconstitucionalcronologico202454587\/t-1111-03\/\" class=\"_self pt-cv-href-thumbnail pt-cv-thumb-default\" target=\"_self\" ><\/a>\n<div class=\"pt-cv-taxoterm above_title\"><a href='https:\/\/www.dmsjuridica.com\/buscador_20179478954\/corteconstitucionalcronologico202454587\/category\/buscar-en-toda-la-corte\/2003\/tutelas-2003\/' title='Tutelas 2003' class='pt-cv-tax-tutelas-2003'>Tutelas 2003<\/a><\/div>\n<h4 class=\"pt-cv-title\"><a href=\"https:\/\/www.dmsjuridica.com\/buscador_20179478954\/corteconstitucionalcronologico202454587\/t-1111-03\/\" class=\"_self\" target=\"_self\" >T-1111-03<\/a><\/h4>\n<div class=\"pt-cv-content\">\u00a0 \u00a0 Sentencia T-1111\/03 \u00a0 DERECHO A LA SALUD-Incorpora derecho al diagn\u00f3stico \u00a0 Reiteraci\u00f3n de Jurisprudencia \u00a0 Referencia: expediente T-784775 \u00a0 Acci\u00f3n de tutela instaurada por Ruth Marina Castrill\u00f3n Torres contra el Instituto de Seguros Sociales. \u00a0 Magistrada Ponente: \u00a0 Dra. CLARA INES VARGAS HERN\u00c1NDEZ \u00a0 Bogot\u00e1, D. C., veintiuno (21) de noviembre de dos mil tres (2003). \u00a0 La Sala Novena de Revisi\u00f3n de la Corte Constitucional, integrada por los magistrados CLARA INES VARGAS HERNANDEZ, JAIME ARAUJO RENTERIA y ALFREDO BELTRAN SIERRA, en ejercicio de sus competencias constitucionales y legales, espec\u00edficamente las previstas en los art\u00edculos 86 y 241, ...<br \/><div class=\"pt-cv-rmwrap\"><a href=\"https:\/\/www.dmsjuridica.com\/buscador_20179478954\/corteconstitucionalcronologico202454587\/t-1111-03\/\" class=\"_self pt-cv-readmore btn btn-success\" target=\"_self\">Ver Sentencia Completa...<\/a><\/div><\/div><\/div><\/div>\n<div class=\"col-md-12 col-sm-12 col-xs-12 pt-cv-content-item pt-cv-1-col\" ><div class='pt-cv-ifield'><a href=\"https:\/\/www.dmsjuridica.com\/buscador_20179478954\/corteconstitucionalcronologico202454587\/t-1110-03\/\" class=\"_self pt-cv-href-thumbnail pt-cv-thumb-default\" target=\"_self\" ><\/a>\n<div class=\"pt-cv-taxoterm above_title\"><a href='https:\/\/www.dmsjuridica.com\/buscador_20179478954\/corteconstitucionalcronologico202454587\/category\/buscar-en-toda-la-corte\/2003\/tutelas-2003\/' title='Tutelas 2003' class='pt-cv-tax-tutelas-2003'>Tutelas 2003<\/a><\/div>\n<h4 class=\"pt-cv-title\"><a href=\"https:\/\/www.dmsjuridica.com\/buscador_20179478954\/corteconstitucionalcronologico202454587\/t-1110-03\/\" class=\"_self\" target=\"_self\" >T-1110-03<\/a><\/h4>\n<div class=\"pt-cv-content\">\u00a0 \u00a0 Sentencia T-1110\/03 \u00a0 REGISTRO DE ELEGIBLES-Conformaci\u00f3n\/REGISTRO DE ELEGIBLES-Actualizaci\u00f3n\/REGISTRO DE ELEGIBLES-Posibilidad de reclasificaci\u00f3n \u00a0 El sistema de reclasificaci\u00f3n del registro constituye un valioso instrumento para la administraci\u00f3n p\u00fablica y para el aspirante que se proyecta en dos sentidos: de un lado, permite que el Estado actualice la informaci\u00f3n de los candidatos con miras a proveer un cargo vacante siempre con la persona que al momento de integrar la lista acredite la m\u00e1s alta idoneidad para un cargo; y por el otro, constituye un est\u00edmulo indirecto a los aspirantes que les deja abierta la potestad de complementar y mejorar su ...<br \/><div class=\"pt-cv-rmwrap\"><a href=\"https:\/\/www.dmsjuridica.com\/buscador_20179478954\/corteconstitucionalcronologico202454587\/t-1110-03\/\" class=\"_self pt-cv-readmore btn btn-success\" target=\"_self\">Ver Sentencia Completa...<\/a><\/div><\/div><\/div><\/div>\n<div class=\"col-md-12 col-sm-12 col-xs-12 pt-cv-content-item pt-cv-1-col\" ><div class='pt-cv-ifield'><a href=\"https:\/\/www.dmsjuridica.com\/buscador_20179478954\/corteconstitucionalcronologico202454587\/t-111-03\/\" class=\"_self pt-cv-href-thumbnail pt-cv-thumb-default\" target=\"_self\" ><\/a>\n<div class=\"pt-cv-taxoterm above_title\"><a href='https:\/\/www.dmsjuridica.com\/buscador_20179478954\/corteconstitucionalcronologico202454587\/category\/buscar-en-toda-la-corte\/2003\/tutelas-2003\/' title='Tutelas 2003' class='pt-cv-tax-tutelas-2003'>Tutelas 2003<\/a><\/div>\n<h4 class=\"pt-cv-title\"><a href=\"https:\/\/www.dmsjuridica.com\/buscador_20179478954\/corteconstitucionalcronologico202454587\/t-111-03\/\" class=\"_self\" target=\"_self\" >T-111-03<\/a><\/h4>\n<div class=\"pt-cv-content\">\u00a0 \u00a0 \u00a0 \u00a0 \u00a0 \u00a0 \u00a0 \u00a0 \u00a0 \u00a0 \u00a0 \u00a0 \u00a0 \u00a0 \u00a0 \u00a0 \u00a0 \u00a0 \u00a0 \u00a0 \u00a0 \u00a0 \u00a0 \u00a0 \u00a0 \u00a0 \u00a0 \u00a0 \u00a0 \u00a0 \u00a0 \u00a0 \u00a0 \u00a0 \u00a0 \u00a0 \u00a0 \u00a0 \u00a0 \u00a0 \u00a0 \u00a0 \u00a0 \u00a0 \u00a0 \u00a0 \u00a0 \u00a0 \u00a0 \u00a0 \u00a0 \u00a0 \u00a0 \u00a0 \u00a0 \u00a0 \u00a0 \u00a0 \u00a0 \u00a0 \u00a0 \u00a0 \u00a0 \u00a0 \u00a0 \u00a0 \u00a0 \u00a0 \u00a0 \u00a0 \u00a0 \u00a0 \u00a0 \u00a0 \u00a0 \u00a0 \u00a0 \u00a0 \u00a0 \u00a0 \u00a0 \u00a0 \u00a0 \u00a0 \u00a0 \u00a0 \u00a0 \u00a0 \u00a0 \u00a0 \u00a0 \u00a0 \u00a0 \u00a0 \u00a0 \u00a0 \u00a0 \u00a0 \u00a0 \u00a0 ...<br \/><div class=\"pt-cv-rmwrap\"><a href=\"https:\/\/www.dmsjuridica.com\/buscador_20179478954\/corteconstitucionalcronologico202454587\/t-111-03\/\" class=\"_self pt-cv-readmore btn btn-success\" target=\"_self\">Ver Sentencia Completa...<\/a><\/div><\/div><\/div><\/div>\n<div class=\"col-md-12 col-sm-12 col-xs-12 pt-cv-content-item pt-cv-1-col\" ><div class='pt-cv-ifield'><a href=\"https:\/\/www.dmsjuridica.com\/buscador_20179478954\/corteconstitucionalcronologico202454587\/t-1108-03\/\" class=\"_self pt-cv-href-thumbnail pt-cv-thumb-default\" target=\"_self\" ><\/a>\n<div class=\"pt-cv-taxoterm above_title\"><a href='https:\/\/www.dmsjuridica.com\/buscador_20179478954\/corteconstitucionalcronologico202454587\/category\/buscar-en-toda-la-corte\/2003\/tutelas-2003\/' title='Tutelas 2003' class='pt-cv-tax-tutelas-2003'>Tutelas 2003<\/a><\/div>\n<h4 class=\"pt-cv-title\"><a href=\"https:\/\/www.dmsjuridica.com\/buscador_20179478954\/corteconstitucionalcronologico202454587\/t-1108-03\/\" class=\"_self\" target=\"_self\" >T-1108-03<\/a><\/h4>\n<div class=\"pt-cv-content\">\u00a0 \u00a0 Sentencia T-1108\/03 \u00a0 PERENCION EN PROCESO EJECUTIVO-No procede cuando se ha dictado sentencia \u00a0 LEVANTAMIENTO DE MEDIDAS CAUTELARES EN PROCESOS EJECUTIVOS-No procede cuando se ha dictado sentencia \u00a0 ACCION DE TUTELA CONTRA PROVIDENCIAS JUDICIALES POR INTERPRETACION JUDICIAL- Improcedencia \u00a0 ACCION DE TUTELA CONTRA PROVIDENCIAS JUDICIALES-Situaciones de procedencia por razones de interpretaci\u00f3n\/VIA DE HECHO-Clases de defectos en la actuaci\u00f3n \u00a0 As\u00ed las cosas, y teniendo presente la sentencia T-441 de 2003, la procedibilidad de la tutela contra sentencias judiciales, por razones interpretativas, se limita a una de cuatro situaciones: a) Se interpreta un precepto legal o constitucional en contrav\u00eda ...<br \/><div class=\"pt-cv-rmwrap\"><a href=\"https:\/\/www.dmsjuridica.com\/buscador_20179478954\/corteconstitucionalcronologico202454587\/t-1108-03\/\" class=\"_self pt-cv-readmore btn btn-success\" target=\"_self\">Ver Sentencia Completa...<\/a><\/div><\/div><\/div><\/div>\n<div class=\"col-md-12 col-sm-12 col-xs-12 pt-cv-content-item pt-cv-1-col\" ><div class='pt-cv-ifield'><a href=\"https:\/\/www.dmsjuridica.com\/buscador_20179478954\/corteconstitucionalcronologico202454587\/t-1107-03\/\" class=\"_self pt-cv-href-thumbnail pt-cv-thumb-default\" target=\"_self\" ><\/a>\n<div class=\"pt-cv-taxoterm above_title\"><a href='https:\/\/www.dmsjuridica.com\/buscador_20179478954\/corteconstitucionalcronologico202454587\/category\/buscar-en-toda-la-corte\/2003\/tutelas-2003\/' title='Tutelas 2003' class='pt-cv-tax-tutelas-2003'>Tutelas 2003<\/a><\/div>\n<h4 class=\"pt-cv-title\"><a href=\"https:\/\/www.dmsjuridica.com\/buscador_20179478954\/corteconstitucionalcronologico202454587\/t-1107-03\/\" class=\"_self\" target=\"_self\" >T-1107-03<\/a><\/h4>\n<div class=\"pt-cv-content\">\u00a0 \u00a0 Sentencia T-1107\/03 \u00a0 ACCION DE TUTELA CONTRA PROVIDENCIAS JUDICIALES-Procedencia excepcional \u00a0 CADUCIDAD DE LA ACCION PENAL EN EL DELITO DE TESTAFERRATO \u00a0 La Corte Constitucional ha explicado suficientemente que el tr\u00e1mite de la acci\u00f3n de tutela no representa un proceso que venga a homologar ni a reemplazar a aquellos regulados en los c\u00f3digos de procedimiento, pues se trata de un mecanismo excepcional, de car\u00e1cter subsidiario y residual, del cual se puede valer toda persona \u00fanicamente cuando no exista otro mecanismo judicial de defensa. En el presente caso, el accionante est\u00e1 a la espera de que le sea resuelto ...<br \/><div class=\"pt-cv-rmwrap\"><a href=\"https:\/\/www.dmsjuridica.com\/buscador_20179478954\/corteconstitucionalcronologico202454587\/t-1107-03\/\" class=\"_self pt-cv-readmore btn btn-success\" target=\"_self\">Ver Sentencia Completa...<\/a><\/div><\/div><\/div><\/div>\n<div class=\"col-md-12 col-sm-12 col-xs-12 pt-cv-content-item pt-cv-1-col\" ><div class='pt-cv-ifield'><a href=\"https:\/\/www.dmsjuridica.com\/buscador_20179478954\/corteconstitucionalcronologico202454587\/t-1106-03\/\" class=\"_self pt-cv-href-thumbnail pt-cv-thumb-default\" target=\"_self\" ><\/a>\n<div class=\"pt-cv-taxoterm above_title\"><a href='https:\/\/www.dmsjuridica.com\/buscador_20179478954\/corteconstitucionalcronologico202454587\/category\/buscar-en-toda-la-corte\/2003\/tutelas-2003\/' title='Tutelas 2003' class='pt-cv-tax-tutelas-2003'>Tutelas 2003<\/a><\/div>\n<h4 class=\"pt-cv-title\"><a href=\"https:\/\/www.dmsjuridica.com\/buscador_20179478954\/corteconstitucionalcronologico202454587\/t-1106-03\/\" class=\"_self\" target=\"_self\" >T-1106-03<\/a><\/h4>\n<div class=\"pt-cv-content\">\u00a0 \u00a0 Sentencia T-1106\/03 \u00a0 ENTIDAD ADMINISTRADORA DE PENSIONES-Vigila que patrono cumpla obligaci\u00f3n de efectuar cotizaci\u00f3n y traslado de dinero \u00a0 ENTIDAD ADMINISTRADORA DE PENSIONES-Reconocimiento de pensi\u00f3n por mora patronal en aportes\/ENTIDAD ADMINISTRADORA DE PENSIONES-Repetici\u00f3n contra patrono por mora en aportes para el reconocimiento\/PENSION DE JUBILACION-Mora patronal en aportes para el reconocimiento \u00a0 DERECHO A LA PENSION DE JUBILACION-Mora patronal en pago de aportes \u00a0 El I.S.S. debe entender que de conformidad con la jurisprudencia de esta misma Corte, los pagos por cotizaci\u00f3n que le fueran hechos de manera extempor\u00e1nea, deben ser considerados v\u00e1lidos y por lo mismo tenidos en ...<br \/><div class=\"pt-cv-rmwrap\"><a href=\"https:\/\/www.dmsjuridica.com\/buscador_20179478954\/corteconstitucionalcronologico202454587\/t-1106-03\/\" class=\"_self pt-cv-readmore btn btn-success\" target=\"_self\">Ver Sentencia Completa...<\/a><\/div><\/div><\/div><\/div>\n<div class=\"col-md-12 col-sm-12 col-xs-12 pt-cv-content-item pt-cv-1-col\" ><div class='pt-cv-ifield'><a href=\"https:\/\/www.dmsjuridica.com\/buscador_20179478954\/corteconstitucionalcronologico202454587\/t-1105-03\/\" class=\"_self pt-cv-href-thumbnail pt-cv-thumb-default\" target=\"_self\" ><\/a>\n<div class=\"pt-cv-taxoterm above_title\"><a href='https:\/\/www.dmsjuridica.com\/buscador_20179478954\/corteconstitucionalcronologico202454587\/category\/buscar-en-toda-la-corte\/2003\/tutelas-2003\/' title='Tutelas 2003' class='pt-cv-tax-tutelas-2003'>Tutelas 2003<\/a><\/div>\n<h4 class=\"pt-cv-title\"><a href=\"https:\/\/www.dmsjuridica.com\/buscador_20179478954\/corteconstitucionalcronologico202454587\/t-1105-03\/\" class=\"_self\" target=\"_self\" >T-1105-03<\/a><\/h4>\n<div class=\"pt-cv-content\">\u00a0 \u00a0 Sentencia T-1105\/03 \u00a0 DERECHO A LA SALUD-Fundamental por conexidad con la vida \u00a0 INAPLICACION DE NORMAS DEL PLAN OBLIGATORIO DE SALUD-Casos en que procede por exclusi\u00f3n de tratamientos y medicamentos de alto costo \u00a0 DERECHO A LA SALUD-Transplante de higado \u00a0 ENTIDAD PROMOTORA DE SALUD-Repetici\u00f3n contra el Fosyga \u00a0 Reiteraci\u00f3n de Jurisprudencia \u00a0 Referencia: expediente T-785613 \u00a0 Acci\u00f3n de tutela instaurada por Guillermo Guzm\u00e1n Cifuentes con la E.P.S. del Instituto de los Seguros Sociales\u00a0 \u00a0 Magistrado Ponente:\u00a0 \u00a0 Dr. MANUEL JOS\u00c9 CEPEDA ESPINOSA \u00a0 Bogot\u00e1, D. C., veinte (20) de noviembre de dos mil tres (2003). \u00a0 1 ...<br \/><div class=\"pt-cv-rmwrap\"><a href=\"https:\/\/www.dmsjuridica.com\/buscador_20179478954\/corteconstitucionalcronologico202454587\/t-1105-03\/\" class=\"_self pt-cv-readmore btn btn-success\" target=\"_self\">Ver Sentencia Completa...<\/a><\/div><\/div><\/div><\/div>\n<div class=\"col-md-12 col-sm-12 col-xs-12 pt-cv-content-item pt-cv-1-col\" ><div class='pt-cv-ifield'><a href=\"https:\/\/www.dmsjuridica.com\/buscador_20179478954\/corteconstitucionalcronologico202454587\/t-1104-03\/\" class=\"_self pt-cv-href-thumbnail pt-cv-thumb-default\" target=\"_self\" ><\/a>\n<div class=\"pt-cv-taxoterm above_title\"><a href='https:\/\/www.dmsjuridica.com\/buscador_20179478954\/corteconstitucionalcronologico202454587\/category\/buscar-en-toda-la-corte\/2003\/tutelas-2003\/' title='Tutelas 2003' class='pt-cv-tax-tutelas-2003'>Tutelas 2003<\/a><\/div>\n<h4 class=\"pt-cv-title\"><a href=\"https:\/\/www.dmsjuridica.com\/buscador_20179478954\/corteconstitucionalcronologico202454587\/t-1104-03\/\" class=\"_self\" target=\"_self\" >T-1104-03<\/a><\/h4>\n<div class=\"pt-cv-content\">\u00a0 \u00a0 Sentencia T-1104\/03 \u00a0 AUTO DE FORMULACION DE CARGOS-Pod\u00eda notificarse al apoderado del investigado \u00a0 Si bien la notificaci\u00f3n del auto de formulaci\u00f3n de cargos deb\u00eda notificarse personalmente, en los t\u00e9rminos del art\u00edculo 85, tambi\u00e9n lo es que la Procuradur\u00eda no incurri\u00f3 en v\u00eda de hecho ni vulner\u00f3 los derechos de defensa del actor al notificar dicha providencia a su apoderado, quien actuaba en representaci\u00f3n del actor. En este orden de ideas, no puede el actor alegar que la Procuradur\u00eda incurri\u00f3 en una v\u00eda de hecho al haberse abstenido de notificarlo personalmente del auto de cargos, pues este organismo, ...<br \/><div class=\"pt-cv-rmwrap\"><a href=\"https:\/\/www.dmsjuridica.com\/buscador_20179478954\/corteconstitucionalcronologico202454587\/t-1104-03\/\" class=\"_self pt-cv-readmore btn btn-success\" target=\"_self\">Ver Sentencia Completa...<\/a><\/div><\/div><\/div><\/div>\n<div class=\"col-md-12 col-sm-12 col-xs-12 pt-cv-content-item pt-cv-1-col\" ><div class='pt-cv-ifield'><a href=\"https:\/\/www.dmsjuridica.com\/buscador_20179478954\/corteconstitucionalcronologico202454587\/t-1103-03\/\" class=\"_self pt-cv-href-thumbnail pt-cv-thumb-default\" target=\"_self\" ><\/a>\n<div class=\"pt-cv-taxoterm above_title\"><a href='https:\/\/www.dmsjuridica.com\/buscador_20179478954\/corteconstitucionalcronologico202454587\/category\/buscar-en-toda-la-corte\/2003\/tutelas-2003\/' title='Tutelas 2003' class='pt-cv-tax-tutelas-2003'>Tutelas 2003<\/a><\/div>\n<h4 class=\"pt-cv-title\"><a href=\"https:\/\/www.dmsjuridica.com\/buscador_20179478954\/corteconstitucionalcronologico202454587\/t-1103-03\/\" class=\"_self\" target=\"_self\" >T-1103-03<\/a><\/h4>\n<div class=\"pt-cv-content\">\u00a0 \u00a0 Sentencia T-1103\/03 \u00a0 REGIMEN DE TRANSICION EN MATERIA PENSIONAL-Situaci\u00f3n de los ex parlamentarios \u00a0 PENSION DE JUBILACION DE EXCONGRESISTA-Reajuste especial \u00a0 PENSION DE JUBILACION DE EXCONGRESISTA-Requisitos para obtener el reajuste especial \u00a0 DERECHO A LA IGUALDAD-Trato diferenciado razonable \u00a0 CONMUTACION PENSIONAL-Improcedencia por no cumplimiento de requisitos \u00a0 En lo que ata\u00f1e a la petici\u00f3n del actor en el sentido de que conforme a lo dispuesto en el par\u00e1grafo del art\u00edculo 3o del Decreto 1293 de 1994, tiene derecho a que se le conceda la conmutaci\u00f3n de la pensi\u00f3n de jubilaci\u00f3n teniendo en cuenta es la edad de cincuenta ...<br \/><div class=\"pt-cv-rmwrap\"><a href=\"https:\/\/www.dmsjuridica.com\/buscador_20179478954\/corteconstitucionalcronologico202454587\/t-1103-03\/\" class=\"_self pt-cv-readmore btn btn-success\" target=\"_self\">Ver Sentencia Completa...<\/a><\/div><\/div><\/div><\/div>\n<div class=\"col-md-12 col-sm-12 col-xs-12 pt-cv-content-item pt-cv-1-col\" ><div class='pt-cv-ifield'><a href=\"https:\/\/www.dmsjuridica.com\/buscador_20179478954\/corteconstitucionalcronologico202454587\/t-1101-03\/\" class=\"_self pt-cv-href-thumbnail pt-cv-thumb-default\" target=\"_self\" ><\/a>\n<div class=\"pt-cv-taxoterm above_title\"><a href='https:\/\/www.dmsjuridica.com\/buscador_20179478954\/corteconstitucionalcronologico202454587\/category\/buscar-en-toda-la-corte\/2003\/tutelas-2003\/' title='Tutelas 2003' class='pt-cv-tax-tutelas-2003'>Tutelas 2003<\/a><\/div>\n<h4 class=\"pt-cv-title\"><a href=\"https:\/\/www.dmsjuridica.com\/buscador_20179478954\/corteconstitucionalcronologico202454587\/t-1101-03\/\" class=\"_self\" target=\"_self\" >T-1101-03<\/a><\/h4>\n<div class=\"pt-cv-content\">\u00a0 \u00a0 Sentencia T-1101\/03 \u00a0 MUJER CABEZA DE FAMILIA-Protecci\u00f3n constitucional especial \u00a0 DISMINUIDO FISICO MENOR DE EDAD-Protecci\u00f3n integral \u00a0 DERECHO A LA CONTINUIDAD EN EL SERVICIO DE SALUD-Atenci\u00f3n m\u00e9dica a menor \u00a0 Se debe prestar servicio continuo y eficiente a las personas usuarias de la seguridad social en salud, y preferentemente \u00a0al ni\u00f1o discapacitado y beneficiario del trabajador asalariado. Si el ni\u00f1o es beneficiario del sistema de seguridad social, la ciencia m\u00e9dica debe acudir para dar una mejor condici\u00f3n de vida, as\u00ed la enfermedad no pueda derrotarse. De manera que no es v\u00e1lido eludir el cumplimiento del servicio p\u00fablico esencial ...<br \/><div class=\"pt-cv-rmwrap\"><a href=\"https:\/\/www.dmsjuridica.com\/buscador_20179478954\/corteconstitucionalcronologico202454587\/t-1101-03\/\" class=\"_self pt-cv-readmore btn btn-success\" target=\"_self\">Ver Sentencia Completa...<\/a><\/div><\/div><\/div><\/div>\n<div class=\"col-md-12 col-sm-12 col-xs-12 pt-cv-content-item pt-cv-1-col\" ><div class='pt-cv-ifield'><a href=\"https:\/\/www.dmsjuridica.com\/buscador_20179478954\/corteconstitucionalcronologico202454587\/t-1100-03\/\" class=\"_self pt-cv-href-thumbnail pt-cv-thumb-default\" target=\"_self\" ><\/a>\n<div class=\"pt-cv-taxoterm above_title\"><a href='https:\/\/www.dmsjuridica.com\/buscador_20179478954\/corteconstitucionalcronologico202454587\/category\/buscar-en-toda-la-corte\/2003\/tutelas-2003\/' title='Tutelas 2003' class='pt-cv-tax-tutelas-2003'>Tutelas 2003<\/a><\/div>\n<h4 class=\"pt-cv-title\"><a href=\"https:\/\/www.dmsjuridica.com\/buscador_20179478954\/corteconstitucionalcronologico202454587\/t-1100-03\/\" class=\"_self\" target=\"_self\" >T-1100-03<\/a><\/h4>\n<div class=\"pt-cv-content\">\u00a0 \u00a0 Sentencia T-1100\/03 \u00a0 REGIMEN SUBSIDIADO DE SEGURIDAD SOCIAL EN SALUD-Orden a Secretar\u00eda de Salud para inclusi\u00f3n inmediata\/DERECHO A LA SALUD DE MENOR DE EDAD-Tratamiento m\u00e9dico urgente\/DERECHO A LA VIDA DE MENOR DE EDAD- Tratamiento m\u00e9dico urgente\/SISBEN-Sistema de identificaci\u00f3n de potenciales beneficiarios \u00a0 A la ni\u00f1a se le clasific\u00f3 de car\u00e1cter urgente y prioritario, por el estado de salud en que se encuentra y a la vez, la necesidad de que tuviera acceso r\u00e1pido al Sistema de Salud, pero, a la fecha de interponer la acci\u00f3n de tutela, no se le dio el tramite debido por parte de las ...<br \/><div class=\"pt-cv-rmwrap\"><a href=\"https:\/\/www.dmsjuridica.com\/buscador_20179478954\/corteconstitucionalcronologico202454587\/t-1100-03\/\" class=\"_self pt-cv-readmore btn btn-success\" target=\"_self\">Ver Sentencia Completa...<\/a><\/div><\/div><\/div><\/div>\n<div class=\"col-md-12 col-sm-12 col-xs-12 pt-cv-content-item pt-cv-1-col\" ><div class='pt-cv-ifield'><a href=\"https:\/\/www.dmsjuridica.com\/buscador_20179478954\/corteconstitucionalcronologico202454587\/t-110-03\/\" class=\"_self pt-cv-href-thumbnail pt-cv-thumb-default\" target=\"_self\" ><\/a>\n<div class=\"pt-cv-taxoterm above_title\"><a href='https:\/\/www.dmsjuridica.com\/buscador_20179478954\/corteconstitucionalcronologico202454587\/category\/buscar-en-toda-la-corte\/2003\/tutelas-2003\/' title='Tutelas 2003' class='pt-cv-tax-tutelas-2003'>Tutelas 2003<\/a><\/div>\n<h4 class=\"pt-cv-title\"><a href=\"https:\/\/www.dmsjuridica.com\/buscador_20179478954\/corteconstitucionalcronologico202454587\/t-110-03\/\" class=\"_self\" target=\"_self\" >T-110-03<\/a><\/h4>\n<div class=\"pt-cv-content\">\u00a0 \u00a0 Sentencia T-110\/03 \u00a0 DERECHO A LA SALUD DEL NI\u00d1O-Suministro de vacuna excluida del POS \u00a0 Reiteraci\u00f3n de Jurisprudencia \u00a0 Referencia: expediente T-666200 \u00a0 Acci\u00f3n de tutela instaurada por Jos\u00e9 Manuel Salazar Serna contra Susalud E.P.S.. \u00a0 Magistrado Ponente: \u00a0 Dr. ALVARO TAFUR GALVIS \u00a0 Bogot\u00e1, D. C., trece (13) de febrero de dos mil tres (2003). \u00a0 La Sala Octava de Revisi\u00f3n de la Corte Constitucional, en ejercicio de sus competencias constitucionales y legales, en particular las contenidas en los art\u00edculos 86 y 241, numeral 9, de la Constituci\u00f3n y el Decreto 2591 de 1991, ha proferido la ...<br \/><div class=\"pt-cv-rmwrap\"><a href=\"https:\/\/www.dmsjuridica.com\/buscador_20179478954\/corteconstitucionalcronologico202454587\/t-110-03\/\" class=\"_self pt-cv-readmore btn btn-success\" target=\"_self\">Ver Sentencia Completa...<\/a><\/div><\/div><\/div><\/div>\n<div class=\"col-md-12 col-sm-12 col-xs-12 pt-cv-content-item pt-cv-1-col\" ><div class='pt-cv-ifield'><a href=\"https:\/\/www.dmsjuridica.com\/buscador_20179478954\/corteconstitucionalcronologico202454587\/t-1099-03\/\" class=\"_self pt-cv-href-thumbnail pt-cv-thumb-default\" target=\"_self\" ><\/a>\n<div class=\"pt-cv-taxoterm above_title\"><a href='https:\/\/www.dmsjuridica.com\/buscador_20179478954\/corteconstitucionalcronologico202454587\/category\/buscar-en-toda-la-corte\/2003\/tutelas-2003\/' title='Tutelas 2003' class='pt-cv-tax-tutelas-2003'>Tutelas 2003<\/a><\/div>\n<h4 class=\"pt-cv-title\"><a href=\"https:\/\/www.dmsjuridica.com\/buscador_20179478954\/corteconstitucionalcronologico202454587\/t-1099-03\/\" class=\"_self\" target=\"_self\" >T-1099-03<\/a><\/h4>\n<div class=\"pt-cv-content\">\u00a0 \u00a0 Sentencia T-1099\/03 \u00a0 DERECHO A PRESENTAR Y CONTROVERTIR PRUEBAS \u00a0 En materia de pruebas, reiteradamente \u00a0ha expresado la Corte que el derecho a presentar y controvertir pruebas, impone el reconocimiento de los siguientes derechos a las personas implicadas en el proceso: (i) Derecho a presentar y solicitar pruebas; (ii) derecho a controvertir \u00a0las presentadas en su contra; (iii) el aseguramiento de la publicidad de la prueba, a fin de asegurar el derecho a la contradicci\u00f3n; (iv) derecho a la regularidad de la prueba; (v) el derecho a que de oficio se practiquen \u00a0las pruebas que resulten necesarias para ...<br \/><div class=\"pt-cv-rmwrap\"><a href=\"https:\/\/www.dmsjuridica.com\/buscador_20179478954\/corteconstitucionalcronologico202454587\/t-1099-03\/\" class=\"_self pt-cv-readmore btn btn-success\" target=\"_self\">Ver Sentencia Completa...<\/a><\/div><\/div><\/div><\/div>\n<div class=\"col-md-12 col-sm-12 col-xs-12 pt-cv-content-item pt-cv-1-col\" ><div class='pt-cv-ifield'><a href=\"https:\/\/www.dmsjuridica.com\/buscador_20179478954\/corteconstitucionalcronologico202454587\/t-1097-03\/\" class=\"_self pt-cv-href-thumbnail pt-cv-thumb-default\" target=\"_self\" ><\/a>\n<div class=\"pt-cv-taxoterm above_title\"><a href='https:\/\/www.dmsjuridica.com\/buscador_20179478954\/corteconstitucionalcronologico202454587\/category\/buscar-en-toda-la-corte\/2003\/tutelas-2003\/' title='Tutelas 2003' class='pt-cv-tax-tutelas-2003'>Tutelas 2003<\/a><\/div>\n<h4 class=\"pt-cv-title\"><a href=\"https:\/\/www.dmsjuridica.com\/buscador_20179478954\/corteconstitucionalcronologico202454587\/t-1097-03\/\" class=\"_self\" target=\"_self\" >T-1097-03<\/a><\/h4>\n<div class=\"pt-cv-content\">\u00a0 \u00a0 Sentencia T-1097\/03 \u00a0 DERECHO DE PETICION-Improcedencia de tutela por cuanto no hab\u00eda transcurrido t\u00e9rmino legal para reconocimiento y pago de pensi\u00f3n \u00a0 No queda duda que la solicitud de amparo constitucional presentada por el accionante a trav\u00e9s de su apoderado judicial, resulta infundada puesto que para la fecha de interposici\u00f3n de la acci\u00f3n de tutela no hab\u00eda transcurrido el t\u00e9rmino legal otorgado para resolver la petici\u00f3n de reconocimiento de la pensi\u00f3n gracia, de lo cual se infiere la inexistencia de amenaza o violaci\u00f3n al derecho fundamental de petici\u00f3n. Adicionalmente, debe recordarse que la acci\u00f3n de tutela es un ...<br \/><div class=\"pt-cv-rmwrap\"><a href=\"https:\/\/www.dmsjuridica.com\/buscador_20179478954\/corteconstitucionalcronologico202454587\/t-1097-03\/\" class=\"_self pt-cv-readmore btn btn-success\" target=\"_self\">Ver Sentencia Completa...<\/a><\/div><\/div><\/div><\/div>\n<div class=\"col-md-12 col-sm-12 col-xs-12 pt-cv-content-item pt-cv-1-col\" ><div class='pt-cv-ifield'><a href=\"https:\/\/www.dmsjuridica.com\/buscador_20179478954\/corteconstitucionalcronologico202454587\/t-109-03\/\" class=\"_self pt-cv-href-thumbnail pt-cv-thumb-default\" target=\"_self\" ><\/a>\n<div class=\"pt-cv-taxoterm above_title\"><a href='https:\/\/www.dmsjuridica.com\/buscador_20179478954\/corteconstitucionalcronologico202454587\/category\/buscar-en-toda-la-corte\/2003\/tutelas-2003\/' title='Tutelas 2003' class='pt-cv-tax-tutelas-2003'>Tutelas 2003<\/a><\/div>\n<h4 class=\"pt-cv-title\"><a href=\"https:\/\/www.dmsjuridica.com\/buscador_20179478954\/corteconstitucionalcronologico202454587\/t-109-03\/\" class=\"_self\" target=\"_self\" >T-109-03<\/a><\/h4>\n<div class=\"pt-cv-content\">\u00a0 \u00a0 Sentencia T-109\/03 \u00a0 DERECHO A LA SALUD-Fundamental por conexidad con la vida \u00a0 SEGURIDAD SOCIAL EN SALUD-Continuidad como elemento esencial \u00a0 En aras de amparar el derecho a la salud y a la vida de las personas que acuden en tutela reclamando su protecci\u00f3n, la Corte Constitucional ha sido insistente en afirmar que las empresas encargadas del sistema de salud no pueden, sin quebrantar gravemente el ordenamiento positivo, efectuar acto alguno, ni incurrir en omisi\u00f3n que pueda comprometer la continuidad del servicio y en consecuencia la eficiencia del mismo. Es obligaci\u00f3n primordial, tanto de las entidades estatales como ...<br \/><div class=\"pt-cv-rmwrap\"><a href=\"https:\/\/www.dmsjuridica.com\/buscador_20179478954\/corteconstitucionalcronologico202454587\/t-109-03\/\" class=\"_self pt-cv-readmore btn btn-success\" target=\"_self\">Ver Sentencia Completa...<\/a><\/div><\/div><\/div><\/div>\n<div class=\"col-md-12 col-sm-12 col-xs-12 pt-cv-content-item pt-cv-1-col\" ><div class='pt-cv-ifield'><a href=\"https:\/\/www.dmsjuridica.com\/buscador_20179478954\/corteconstitucionalcronologico202454587\/t-1088-03\/\" class=\"_self pt-cv-href-thumbnail pt-cv-thumb-default\" target=\"_self\" ><\/a>\n<div class=\"pt-cv-taxoterm above_title\"><a href='https:\/\/www.dmsjuridica.com\/buscador_20179478954\/corteconstitucionalcronologico202454587\/category\/buscar-en-toda-la-corte\/2003\/tutelas-2003\/' title='Tutelas 2003' class='pt-cv-tax-tutelas-2003'>Tutelas 2003<\/a><\/div>\n<h4 class=\"pt-cv-title\"><a href=\"https:\/\/www.dmsjuridica.com\/buscador_20179478954\/corteconstitucionalcronologico202454587\/t-1088-03\/\" class=\"_self\" target=\"_self\" >T-1088-03<\/a><\/h4>\n<div class=\"pt-cv-content\">\u00a0 \u00a0 Sentencia T-1088\/03 \u00a0 ACCION DE TUTELA CONTRA PROVIDENCIAS JUDICIALES-Improcedencia por no existencia de otro medio de defensa judicial \u00a0 ESTAFA Y FALSEDAD MATERIAL EN DOCUMENTO PUBLICO Y CANCELACI\u00d3N DE REGISTROS OBTENIDOS FRAUDULENTAMENTE-Fiscal pod\u00eda decretar esa medida \u00a0 La Fiscal\u00eda demandada tuvo en cuenta el fraude cometido contra el propietario del predio La Herradura; el testimonio del administrador de la finca; el informe del cuerpo t\u00e9cnico de investigaci\u00f3n, seg\u00fan el cual la firma estampada en el poder utilizado, corresponde a una imitaci\u00f3n. Es decir, el Despacho demandado tuvo en cuenta las pruebas recaudadas y aplic\u00f3 lo dispuesto en el ...<br \/><div class=\"pt-cv-rmwrap\"><a href=\"https:\/\/www.dmsjuridica.com\/buscador_20179478954\/corteconstitucionalcronologico202454587\/t-1088-03\/\" class=\"_self pt-cv-readmore btn btn-success\" target=\"_self\">Ver Sentencia Completa...<\/a><\/div><\/div><\/div><\/div>\n<div class=\"col-md-12 col-sm-12 col-xs-12 pt-cv-content-item pt-cv-1-col\" ><div class='pt-cv-ifield'><a href=\"https:\/\/www.dmsjuridica.com\/buscador_20179478954\/corteconstitucionalcronologico202454587\/t-1087-03\/\" class=\"_self pt-cv-href-thumbnail pt-cv-thumb-default\" target=\"_self\" ><\/a>\n<div class=\"pt-cv-taxoterm above_title\"><a href='https:\/\/www.dmsjuridica.com\/buscador_20179478954\/corteconstitucionalcronologico202454587\/category\/buscar-en-toda-la-corte\/2003\/tutelas-2003\/' title='Tutelas 2003' class='pt-cv-tax-tutelas-2003'>Tutelas 2003<\/a><\/div>\n<h4 class=\"pt-cv-title\"><a href=\"https:\/\/www.dmsjuridica.com\/buscador_20179478954\/corteconstitucionalcronologico202454587\/t-1087-03\/\" class=\"_self\" target=\"_self\" >T-1087-03<\/a><\/h4>\n<div class=\"pt-cv-content\">\u00a0 \u00a0 Sentencia T-1087\/03 \u00a0 PROCESO LABORAL-Fallecimiento del demandante no se prob\u00f3 \u00a0 La Corte Constitucional no parece tener una posici\u00f3n un\u00edvoca sobre la materia. En algunos casos ha se\u00f1alado que se presenta el fen\u00f3meno de hecho consumado y, por lo tanto, no tiene raz\u00f3n de ser el estudio del juez constitucional, m\u00e1xime cuando no es posible dictar una orden de protecci\u00f3n, por no existir un beneficiario de la misma. En otros, ha indicado que el papel de la Corte no se limita a la soluci\u00f3n del caso concreto, sino que su funci\u00f3n principal consiste en unificar la jurisprudencia relativa ...<br \/><div class=\"pt-cv-rmwrap\"><a href=\"https:\/\/www.dmsjuridica.com\/buscador_20179478954\/corteconstitucionalcronologico202454587\/t-1087-03\/\" class=\"_self pt-cv-readmore btn btn-success\" target=\"_self\">Ver Sentencia Completa...<\/a><\/div><\/div><\/div><\/div>\n<div class=\"col-md-12 col-sm-12 col-xs-12 pt-cv-content-item pt-cv-1-col\" ><div class='pt-cv-ifield'><a href=\"https:\/\/www.dmsjuridica.com\/buscador_20179478954\/corteconstitucionalcronologico202454587\/t-1086-03\/\" class=\"_self pt-cv-href-thumbnail pt-cv-thumb-default\" target=\"_self\" ><\/a>\n<div class=\"pt-cv-taxoterm above_title\"><a href='https:\/\/www.dmsjuridica.com\/buscador_20179478954\/corteconstitucionalcronologico202454587\/category\/buscar-en-toda-la-corte\/2003\/tutelas-2003\/' title='Tutelas 2003' class='pt-cv-tax-tutelas-2003'>Tutelas 2003<\/a><\/div>\n<h4 class=\"pt-cv-title\"><a href=\"https:\/\/www.dmsjuridica.com\/buscador_20179478954\/corteconstitucionalcronologico202454587\/t-1086-03\/\" class=\"_self\" target=\"_self\" >T-1086-03<\/a><\/h4>\n<div class=\"pt-cv-content\">\u00a0 \u00a0 Sentencia T-1086\/03 \u00a0 ACCION REIVINDICATORIA FICTA\/OCUPACION PERMANENTE DE INMUEBLES POR ENTIDADES PUBLICAS \u00a0 ACCION DE TUTELA CONTRA PROVIDENCIAS JUDICIALES POR INTERPRETACION JUDICIAL-Elementos a los que se encuentra condicionada\/AUTONOMIA JUDICIAL E INTERPRETACION CONFORME A LA CONSTITUCION \u00a0 La intangibilidad de la interpretaci\u00f3n judicial est\u00e1 condicionada a dos elementos: (i) que la interpretaci\u00f3n misma sea compatible con la Constituci\u00f3n o (ii) que la interpretaci\u00f3n no conduzca a resultados contrarios al ordenamiento constitucional. La razonabilidad de una interpretaci\u00f3n judicial puede medirse desde dos \u00f3pticas distintas. De una parte, puede considerarse la compatibilidad y suficiencia de la postura interpretativa con el \u00e1mbito ...<br \/><div class=\"pt-cv-rmwrap\"><a href=\"https:\/\/www.dmsjuridica.com\/buscador_20179478954\/corteconstitucionalcronologico202454587\/t-1086-03\/\" class=\"_self pt-cv-readmore btn btn-success\" target=\"_self\">Ver Sentencia Completa...<\/a><\/div><\/div><\/div><\/div>\n<div class=\"col-md-12 col-sm-12 col-xs-12 pt-cv-content-item pt-cv-1-col\" ><div class='pt-cv-ifield'><a href=\"https:\/\/www.dmsjuridica.com\/buscador_20179478954\/corteconstitucionalcronologico202454587\/t-1085-03\/\" class=\"_self pt-cv-href-thumbnail pt-cv-thumb-default\" target=\"_self\" ><\/a>\n<div class=\"pt-cv-taxoterm above_title\"><a href='https:\/\/www.dmsjuridica.com\/buscador_20179478954\/corteconstitucionalcronologico202454587\/category\/buscar-en-toda-la-corte\/2003\/tutelas-2003\/' title='Tutelas 2003' class='pt-cv-tax-tutelas-2003'>Tutelas 2003<\/a><\/div>\n<h4 class=\"pt-cv-title\"><a href=\"https:\/\/www.dmsjuridica.com\/buscador_20179478954\/corteconstitucionalcronologico202454587\/t-1085-03\/\" class=\"_self\" target=\"_self\" >T-1085-03<\/a><\/h4>\n<div class=\"pt-cv-content\">\u00a0 \u00a0 Sentencia T-1085\/03 \u00a0 ACCION DE TUTELA CONTRA ACTUACIONES ADMINISTRATIVAS-Norma en que se encuentra r\u00e9gimen de procedibilidad \u00a0 La primera, contenida en el tercer inciso del art\u00edculo 86 Superior, mediante la cual el Constituyente determin\u00f3 una de las caracter\u00edsticas de la acci\u00f3n: la subsidiariedad. En este inciso se afirma: \u201cEsta acci\u00f3n solo proceder\u00e1 cuando el afectado no disponga de otro medio de defensa judicial, salvo que aquella se utilice como mecanismo transitorio para evitar un perjuicio irremediable.\u201d \u00a0La segunda, muy similar a la anterior contenida en el numeral primero del art\u00edculo 6\u00ba del Decreto 2591 de 1991, en donde ...<br \/><div class=\"pt-cv-rmwrap\"><a href=\"https:\/\/www.dmsjuridica.com\/buscador_20179478954\/corteconstitucionalcronologico202454587\/t-1085-03\/\" class=\"_self pt-cv-readmore btn btn-success\" target=\"_self\">Ver Sentencia Completa...<\/a><\/div><\/div><\/div><\/div>\n<div class=\"col-md-12 col-sm-12 col-xs-12 pt-cv-content-item pt-cv-1-col\" ><div class='pt-cv-ifield'><a href=\"https:\/\/www.dmsjuridica.com\/buscador_20179478954\/corteconstitucionalcronologico202454587\/t-1084-03\/\" class=\"_self pt-cv-href-thumbnail pt-cv-thumb-default\" target=\"_self\" ><\/a>\n<div class=\"pt-cv-taxoterm above_title\"><a href='https:\/\/www.dmsjuridica.com\/buscador_20179478954\/corteconstitucionalcronologico202454587\/category\/buscar-en-toda-la-corte\/2003\/tutelas-2003\/' title='Tutelas 2003' class='pt-cv-tax-tutelas-2003'>Tutelas 2003<\/a><\/div>\n<h4 class=\"pt-cv-title\"><a href=\"https:\/\/www.dmsjuridica.com\/buscador_20179478954\/corteconstitucionalcronologico202454587\/t-1084-03\/\" class=\"_self\" target=\"_self\" >T-1084-03<\/a><\/h4>\n<div class=\"pt-cv-content\">\u00a0 \u00a0 Sentencia T-1084\/03 \u00a0 ESTABLECIMIENTO COMERCIAL-Cierre definitivo de casinos \u00a0 MEDIO DE DEFENSA JUDICIAL EFICAZ-Controversia sobre cierre definitivo de casinos \u00a0 ACCION DE TUTELA-Improcedencia por inexistencia de perjuicio irremediable \u00a0 Referencia: expediente T-758401 \u00a0 Acci\u00f3n de tutela instaurada por la empresa Universal de Casinos S.A. contra la Alcald\u00eda Mayor de Bogot\u00e1, la Alcald\u00eda Local de la Candelaria y el Consejo de Justicia de Bogot\u00e1. \u00a0 Magistrada Ponente: \u00a0 Dra. CLARA IN\u00c9S VARGAS HERN\u00c1NDEZ \u00a0 Bogot\u00e1, D. C., catorce (14) de noviembre de dos mil tres (2003).\u00a0 \u00a0 La Sala Novena de Revisi\u00f3n de la Corte Constitucional, integrada por los ...<br \/><div class=\"pt-cv-rmwrap\"><a href=\"https:\/\/www.dmsjuridica.com\/buscador_20179478954\/corteconstitucionalcronologico202454587\/t-1084-03\/\" class=\"_self pt-cv-readmore btn btn-success\" target=\"_self\">Ver Sentencia Completa...<\/a><\/div><\/div><\/div><\/div>\n<div class=\"col-md-12 col-sm-12 col-xs-12 pt-cv-content-item pt-cv-1-col\" ><div class='pt-cv-ifield'><a href=\"https:\/\/www.dmsjuridica.com\/buscador_20179478954\/corteconstitucionalcronologico202454587\/t-1083-03\/\" class=\"_self pt-cv-href-thumbnail pt-cv-thumb-default\" target=\"_self\" ><\/a>\n<div class=\"pt-cv-taxoterm above_title\"><a href='https:\/\/www.dmsjuridica.com\/buscador_20179478954\/corteconstitucionalcronologico202454587\/category\/buscar-en-toda-la-corte\/2003\/tutelas-2003\/' title='Tutelas 2003' class='pt-cv-tax-tutelas-2003'>Tutelas 2003<\/a><\/div>\n<h4 class=\"pt-cv-title\"><a href=\"https:\/\/www.dmsjuridica.com\/buscador_20179478954\/corteconstitucionalcronologico202454587\/t-1083-03\/\" class=\"_self\" target=\"_self\" >T-1083-03<\/a><\/h4>\n<div class=\"pt-cv-content\">\u00a0 \u00a0 Sentencia T-1083\/03 \u00a0 DERECHO A LA SALUD-Suministro de medicamentos no contemplados en el POS \u00a0 ACCION DE TUTELA TEMERARIA-Inexistencia en caso de suministro de medicamento\/ACCION DE TUTELA TEMERARIA-Inexistencia cuando se cuestionan hechos diferentes y se demanda a personas distintas \u00a0 Una acci\u00f3n de tutela es temeraria cuando (i) sin motivo expresamente justificado \u00a0(ii) se ha presentado por lo menos ante un despacho judicial m\u00e1s la misma acci\u00f3n de tutela, es decir, cuando (a) la misma persona, o su representante, (b) ha acusado a la misma entidad o persona, (c) de haber violado los mismos derechos fundamentales, (d) con ...<br \/><div class=\"pt-cv-rmwrap\"><a href=\"https:\/\/www.dmsjuridica.com\/buscador_20179478954\/corteconstitucionalcronologico202454587\/t-1083-03\/\" class=\"_self pt-cv-readmore btn btn-success\" target=\"_self\">Ver Sentencia Completa...<\/a><\/div><\/div><\/div><\/div>\n<div class=\"col-md-12 col-sm-12 col-xs-12 pt-cv-content-item pt-cv-1-col\" ><div class='pt-cv-ifield'><a href=\"https:\/\/www.dmsjuridica.com\/buscador_20179478954\/corteconstitucionalcronologico202454587\/t-1082-03\/\" class=\"_self pt-cv-href-thumbnail pt-cv-thumb-default\" target=\"_self\" ><\/a>\n<div class=\"pt-cv-taxoterm above_title\"><a href='https:\/\/www.dmsjuridica.com\/buscador_20179478954\/corteconstitucionalcronologico202454587\/category\/buscar-en-toda-la-corte\/2003\/tutelas-2003\/' title='Tutelas 2003' class='pt-cv-tax-tutelas-2003'>Tutelas 2003<\/a><\/div>\n<h4 class=\"pt-cv-title\"><a href=\"https:\/\/www.dmsjuridica.com\/buscador_20179478954\/corteconstitucionalcronologico202454587\/t-1082-03\/\" class=\"_self\" target=\"_self\" >T-1082-03<\/a><\/h4>\n<div class=\"pt-cv-content\">\u00a0 \u00a0 Sentencia T-1082\/03 \u00a0 DECLARACION DE PERSONA AUSENTE-Vinculaci\u00f3n a proceso penal no quebranta los derechos constitucionales del incriminado \u00a0 Se tiene que el peticionario fue objeto de un proceso penal que se adelant\u00f3 v\u00e1lidamente contra \u00e9l como persona ausente hasta el momento de finalizaci\u00f3n de la audiencia de la fase de juzgamiento. A pesar de que el actor controvierte por v\u00eda de tutela la validez de las providencias interlocutorias adoptadas por las autoridades de investigaci\u00f3n y juzgamiento competentes, solicitando que se retrotraiga nuevamente el proceso hasta la diligencia de indagatoria, la Corte observa que seg\u00fan consta en el expediente, ...<br \/><div class=\"pt-cv-rmwrap\"><a href=\"https:\/\/www.dmsjuridica.com\/buscador_20179478954\/corteconstitucionalcronologico202454587\/t-1082-03\/\" class=\"_self pt-cv-readmore btn btn-success\" target=\"_self\">Ver Sentencia Completa...<\/a><\/div><\/div><\/div><\/div>\n<div class=\"col-md-12 col-sm-12 col-xs-12 pt-cv-content-item pt-cv-1-col\" ><div class='pt-cv-ifield'><a href=\"https:\/\/www.dmsjuridica.com\/buscador_20179478954\/corteconstitucionalcronologico202454587\/t-1081-03\/\" class=\"_self pt-cv-href-thumbnail pt-cv-thumb-default\" target=\"_self\" ><\/a>\n<div class=\"pt-cv-taxoterm above_title\"><a href='https:\/\/www.dmsjuridica.com\/buscador_20179478954\/corteconstitucionalcronologico202454587\/category\/buscar-en-toda-la-corte\/2003\/tutelas-2003\/' title='Tutelas 2003' class='pt-cv-tax-tutelas-2003'>Tutelas 2003<\/a><\/div>\n<h4 class=\"pt-cv-title\"><a href=\"https:\/\/www.dmsjuridica.com\/buscador_20179478954\/corteconstitucionalcronologico202454587\/t-1081-03\/\" class=\"_self\" target=\"_self\" >T-1081-03<\/a><\/h4>\n<div class=\"pt-cv-content\">\u00a0 \u00a0 Sentencia T-1081\/03 \u00a0 DESAPARICION FORZADA-Pago de mesadas pensionales a la familia\/DESAPARICION FORZADA-Aplicaci\u00f3n de art\u00edculo 10 de Ley 589 de 2000 \u00a0 El art\u00edculo 10 de la ley 589 de 2000 es igualmente aplicable a los pensionados \u2013sean \u00e9stos ex servidores p\u00fablicos o ex trabajadores privados\u2013 que hayan sido secuestrados o desaparecidos en forma forzada, y no s\u00f3lo a los secuestrados con v\u00ednculo laboral vigente. Ello es as\u00ed porque, si bien la jurisprudencia ha protegido los derechos de estos \u00faltimos y sus familias al ordenar que se siga pagando la remuneraci\u00f3n salarial durante el tiempo del secuestro o desaparici\u00f3n ...<br \/><div class=\"pt-cv-rmwrap\"><a href=\"https:\/\/www.dmsjuridica.com\/buscador_20179478954\/corteconstitucionalcronologico202454587\/t-1081-03\/\" class=\"_self pt-cv-readmore btn btn-success\" target=\"_self\">Ver Sentencia Completa...<\/a><\/div><\/div><\/div><\/div>\n<div class=\"col-md-12 col-sm-12 col-xs-12 pt-cv-content-item pt-cv-1-col\" ><div class='pt-cv-ifield'><a href=\"https:\/\/www.dmsjuridica.com\/buscador_20179478954\/corteconstitucionalcronologico202454587\/t-1080-03\/\" class=\"_self pt-cv-href-thumbnail pt-cv-thumb-default\" target=\"_self\" ><\/a>\n<div class=\"pt-cv-taxoterm above_title\"><a href='https:\/\/www.dmsjuridica.com\/buscador_20179478954\/corteconstitucionalcronologico202454587\/category\/buscar-en-toda-la-corte\/2003\/tutelas-2003\/' title='Tutelas 2003' class='pt-cv-tax-tutelas-2003'>Tutelas 2003<\/a><\/div>\n<h4 class=\"pt-cv-title\"><a href=\"https:\/\/www.dmsjuridica.com\/buscador_20179478954\/corteconstitucionalcronologico202454587\/t-1080-03\/\" class=\"_self\" target=\"_self\" >T-1080-03<\/a><\/h4>\n<div class=\"pt-cv-content\">\u00a0 \u00a0 Sentencia T-1080\/03 \u00a0 Como las relaciones laborales aducidas por los demandantes fueron probadas, y en raz\u00f3n de que qued\u00f3 demostrado que la sociedad de hecho incumpli\u00f3 con sus obligaciones, \u00e9sta fue condenada al pago de los salarios, las indemnizaciones y las prestaciones dejadas de cancelar, y actualmente se ejecuta la sentencia. No se detuvo la Sala accionada, a fin de decidir el Ordinario varias veces citado, en determinar la calidad de socio de hecho del actor, simplemente porque \u00e9ste asunto no se discuti\u00f3, dado que la demandada no excepcion\u00f3 en tal sentido, y no discuti\u00f3 la existencia del ...<br \/><div class=\"pt-cv-rmwrap\"><a href=\"https:\/\/www.dmsjuridica.com\/buscador_20179478954\/corteconstitucionalcronologico202454587\/t-1080-03\/\" class=\"_self pt-cv-readmore btn btn-success\" target=\"_self\">Ver Sentencia Completa...<\/a><\/div><\/div><\/div><\/div>\n<div class=\"col-md-12 col-sm-12 col-xs-12 pt-cv-content-item pt-cv-1-col\" ><div class='pt-cv-ifield'><a href=\"https:\/\/www.dmsjuridica.com\/buscador_20179478954\/corteconstitucionalcronologico202454587\/t-108-03\/\" class=\"_self pt-cv-href-thumbnail pt-cv-thumb-default\" target=\"_self\" ><\/a>\n<div class=\"pt-cv-taxoterm above_title\"><a href='https:\/\/www.dmsjuridica.com\/buscador_20179478954\/corteconstitucionalcronologico202454587\/category\/buscar-en-toda-la-corte\/2003\/tutelas-2003\/' title='Tutelas 2003' class='pt-cv-tax-tutelas-2003'>Tutelas 2003<\/a><\/div>\n<h4 class=\"pt-cv-title\"><a href=\"https:\/\/www.dmsjuridica.com\/buscador_20179478954\/corteconstitucionalcronologico202454587\/t-108-03\/\" class=\"_self\" target=\"_self\" >T-108-03<\/a><\/h4>\n<div class=\"pt-cv-content\">\u00a0 \u00a0 Sentencia T-108\/03 \u00a0 ACCION DE TUTELA DE PERSONA JURIDICA CONTRA SENTENCIA DE TRIBUNAL-Procedencia \u00a0 Las personas jur\u00eddicas puedan presentar acciones de la tutela como mecanismo leg\u00edtimo para proteger sus derechos fundamentales, cuando se vean amenazados o vulnerados por la acci\u00f3n u omisi\u00f3n de las autoridades y, en ciertos casos, de los particulares. \u00a0 ACCION DE TUTELA CONTRA PROVIDENCIAS JUDICIALES-Car\u00e1cter excepcional \u00a0 La acci\u00f3n de tutela como mecanismo de defensa subsidiario y residual, para la protecci\u00f3n de derechos constitucionales fundamentales vulnerados o amenazados por la acci\u00f3n u omisi\u00f3n de cualquier autoridad p\u00fablica o de los particulares, procede solo en ...<br \/><div class=\"pt-cv-rmwrap\"><a href=\"https:\/\/www.dmsjuridica.com\/buscador_20179478954\/corteconstitucionalcronologico202454587\/t-108-03\/\" class=\"_self pt-cv-readmore btn btn-success\" target=\"_self\">Ver Sentencia Completa...<\/a><\/div><\/div><\/div><\/div>\n<div class=\"col-md-12 col-sm-12 col-xs-12 pt-cv-content-item pt-cv-1-col\" ><div class='pt-cv-ifield'><a href=\"https:\/\/www.dmsjuridica.com\/buscador_20179478954\/corteconstitucionalcronologico202454587\/t-1079-03\/\" class=\"_self pt-cv-href-thumbnail pt-cv-thumb-default\" target=\"_self\" ><\/a>\n<div class=\"pt-cv-taxoterm above_title\"><a href='https:\/\/www.dmsjuridica.com\/buscador_20179478954\/corteconstitucionalcronologico202454587\/category\/buscar-en-toda-la-corte\/2003\/tutelas-2003\/' title='Tutelas 2003' class='pt-cv-tax-tutelas-2003'>Tutelas 2003<\/a><\/div>\n<h4 class=\"pt-cv-title\"><a href=\"https:\/\/www.dmsjuridica.com\/buscador_20179478954\/corteconstitucionalcronologico202454587\/t-1079-03\/\" class=\"_self\" target=\"_self\" >T-1079-03<\/a><\/h4>\n<div class=\"pt-cv-content\">\u00a0 \u00a0 Sentencia T-1079\/03 \u00a0 DERECHO A LA SALUD Y CONTRATO DE TRABAJO-La terminaci\u00f3n de \u00e9ste no faculta a la EPS a suspender inmediatamente servicios \u00a0 En lo que hace relaci\u00f3n a la obligaci\u00f3n por parte de la entidad accionada de brindarle al actor, el servicio m\u00e9dico que \u00e9ste requiera, debe indicarse, que tal como se precis\u00f3 en la Sentencia C-800 de 2003, cuando una persona deja de tener una relaci\u00f3n laboral, y por lo tanto, deja de cotizar al r\u00e9gimen contributivo del Sistema de Salud y no se encuentra vinculada de ninguna otra forma a dicho r\u00e9gimen, ni cuenta ...<br \/><div class=\"pt-cv-rmwrap\"><a href=\"https:\/\/www.dmsjuridica.com\/buscador_20179478954\/corteconstitucionalcronologico202454587\/t-1079-03\/\" class=\"_self pt-cv-readmore btn btn-success\" target=\"_self\">Ver Sentencia Completa...<\/a><\/div><\/div><\/div><\/div>\n<div class=\"col-md-12 col-sm-12 col-xs-12 pt-cv-content-item pt-cv-1-col\" ><div class='pt-cv-ifield'><a href=\"https:\/\/www.dmsjuridica.com\/buscador_20179478954\/corteconstitucionalcronologico202454587\/t-1078-03\/\" class=\"_self pt-cv-href-thumbnail pt-cv-thumb-default\" target=\"_self\" ><\/a>\n<div class=\"pt-cv-taxoterm above_title\"><a href='https:\/\/www.dmsjuridica.com\/buscador_20179478954\/corteconstitucionalcronologico202454587\/category\/buscar-en-toda-la-corte\/2003\/tutelas-2003\/' title='Tutelas 2003' class='pt-cv-tax-tutelas-2003'>Tutelas 2003<\/a><\/div>\n<h4 class=\"pt-cv-title\"><a href=\"https:\/\/www.dmsjuridica.com\/buscador_20179478954\/corteconstitucionalcronologico202454587\/t-1078-03\/\" class=\"_self\" target=\"_self\" >T-1078-03<\/a><\/h4>\n<div class=\"pt-cv-content\">\u00a0 \u00a0 Sentencia T-1078\/03 \u00a0 RECIEN NACIDO PREMATURO-Protecci\u00f3n especial \u00a0 Si un reci\u00e9n nacido normal requiere de especiales cuidados de suerte que pueda desarrollarse en condiciones que beneficien su vida, salud, integridad f\u00edsica y social, entre muchos otros aspectos, con mayor raz\u00f3n un reci\u00e9n nacido prematuro que requiere de mucha m\u00e1s ayuda y atenci\u00f3n a fin de que pueda desarrollarse tan normalmente como le sea posible, pues se trata de menores expuestos a una serie de circunstancias que ameritan mucho m\u00e1s cuidado que los menores que nacen al t\u00e9rmino completo del per\u00edodo de gestaci\u00f3n.\u00a0 \u00a0 INTERES SUPERIOR DEL MENOR-Protecci\u00f3n\/ANALOGIA EN ...<br \/><div class=\"pt-cv-rmwrap\"><a href=\"https:\/\/www.dmsjuridica.com\/buscador_20179478954\/corteconstitucionalcronologico202454587\/t-1078-03\/\" class=\"_self pt-cv-readmore btn btn-success\" target=\"_self\">Ver Sentencia Completa...<\/a><\/div><\/div><\/div><\/div>\n<div class=\"col-md-12 col-sm-12 col-xs-12 pt-cv-content-item pt-cv-1-col\" ><div class='pt-cv-ifield'><a href=\"https:\/\/www.dmsjuridica.com\/buscador_20179478954\/corteconstitucionalcronologico202454587\/t-1077-03\/\" class=\"_self pt-cv-href-thumbnail pt-cv-thumb-default\" target=\"_self\" ><\/a>\n<div class=\"pt-cv-taxoterm above_title\"><a href='https:\/\/www.dmsjuridica.com\/buscador_20179478954\/corteconstitucionalcronologico202454587\/category\/buscar-en-toda-la-corte\/2003\/tutelas-2003\/' title='Tutelas 2003' class='pt-cv-tax-tutelas-2003'>Tutelas 2003<\/a><\/div>\n<h4 class=\"pt-cv-title\"><a href=\"https:\/\/www.dmsjuridica.com\/buscador_20179478954\/corteconstitucionalcronologico202454587\/t-1077-03\/\" class=\"_self\" target=\"_self\" >T-1077-03<\/a><\/h4>\n<div class=\"pt-cv-content\">\u00a0 \u00a0 Sentencia T-1077\/03 \u00a0 ACCION DE TUTELA CONTRA CAJA AGRARIA-Improcedencia por cuanto demandante no est\u00e1 reportado en base de datos \u00a0 Referencia: expediente T-779235 \u00a0 Acci\u00f3n de tutela instaurada por Libardo Antonio Vanegas Benitez contra Caja Agraria en Liquidaci\u00f3n. \u00a0 Procedencia: Tribunal Superior de Pasto, Sala de decisi\u00f3n Civil. \u00a0 Magistrado Ponente: \u00a0 Dr. ALFREDO BELTR\u00c1N SIERRA \u00a0 Bogot\u00e1 D. C., trece (13) de noviembre de dos mil tres (2003). \u00a0 La Sala Segunda de Revisi\u00f3n de la Corte Constitucional, integrada por los Magistrados Alfredo Beltr\u00e1n Sierra, Manuel Jos\u00e9 Cepeda Espinosa y Jaime C\u00f3rdoba Trivi\u00f1o, en ejercicio de sus ...<br \/><div class=\"pt-cv-rmwrap\"><a href=\"https:\/\/www.dmsjuridica.com\/buscador_20179478954\/corteconstitucionalcronologico202454587\/t-1077-03\/\" class=\"_self pt-cv-readmore btn btn-success\" target=\"_self\">Ver Sentencia Completa...<\/a><\/div><\/div><\/div><\/div>\n<div class=\"col-md-12 col-sm-12 col-xs-12 pt-cv-content-item pt-cv-1-col\" ><div class='pt-cv-ifield'><a href=\"https:\/\/www.dmsjuridica.com\/buscador_20179478954\/corteconstitucionalcronologico202454587\/t-1076-03\/\" class=\"_self pt-cv-href-thumbnail pt-cv-thumb-default\" target=\"_self\" ><\/a>\n<div class=\"pt-cv-taxoterm above_title\"><a href='https:\/\/www.dmsjuridica.com\/buscador_20179478954\/corteconstitucionalcronologico202454587\/category\/buscar-en-toda-la-corte\/2003\/tutelas-2003\/' title='Tutelas 2003' class='pt-cv-tax-tutelas-2003'>Tutelas 2003<\/a><\/div>\n<h4 class=\"pt-cv-title\"><a href=\"https:\/\/www.dmsjuridica.com\/buscador_20179478954\/corteconstitucionalcronologico202454587\/t-1076-03\/\" class=\"_self\" target=\"_self\" >T-1076-03<\/a><\/h4>\n<div class=\"pt-cv-content\">\u00a0 \u00a0 Sentencia T-1076\/03 \u00a0 SISBEN-Nueva encuesta para reclasificaci\u00f3n\/ACCION DE TUTELA-Procedencia cuando indebida clasificaci\u00f3n en el Sisb\u00e9n afecta derechos fundamentales\/SISBEN-Reclasificaci\u00f3n \u00a0 Como la peticionaria se queja de que, con base en la clasificaci\u00f3n socioecon\u00f3mica - de nivel 4- no se le presta la atenci\u00f3n m\u00e9dica requerida y, teniendo en cuenta la solicitud realizada por una de las funcionarias de la misma Secretaria Distrital de Salud de Bogot\u00e1 y con el fin de proteger el derecho a la actualizaci\u00f3n e inclusi\u00f3n de datos, esta Sala estima procedente ordenar a la Secretar\u00eda Distrital de Salud de Bogot\u00e1 que, se efect\u00fae nuevamente encuesta ...<br \/><div class=\"pt-cv-rmwrap\"><a href=\"https:\/\/www.dmsjuridica.com\/buscador_20179478954\/corteconstitucionalcronologico202454587\/t-1076-03\/\" class=\"_self pt-cv-readmore btn btn-success\" target=\"_self\">Ver Sentencia Completa...<\/a><\/div><\/div><\/div><\/div>\n<div class=\"col-md-12 col-sm-12 col-xs-12 pt-cv-content-item pt-cv-1-col\" ><div class='pt-cv-ifield'><a href=\"https:\/\/www.dmsjuridica.com\/buscador_20179478954\/corteconstitucionalcronologico202454587\/t-1075-03\/\" class=\"_self pt-cv-href-thumbnail pt-cv-thumb-default\" target=\"_self\" ><\/a>\n<div class=\"pt-cv-taxoterm above_title\"><a href='https:\/\/www.dmsjuridica.com\/buscador_20179478954\/corteconstitucionalcronologico202454587\/category\/buscar-en-toda-la-corte\/2003\/tutelas-2003\/' title='Tutelas 2003' class='pt-cv-tax-tutelas-2003'>Tutelas 2003<\/a><\/div>\n<h4 class=\"pt-cv-title\"><a href=\"https:\/\/www.dmsjuridica.com\/buscador_20179478954\/corteconstitucionalcronologico202454587\/t-1075-03\/\" class=\"_self\" target=\"_self\" >T-1075-03<\/a><\/h4>\n<div class=\"pt-cv-content\">\u00a0 \u00a0 Sentencia T-1075\/03 \u00a0 DERECHO DE PETICION-L\u00edmites \u00a0 DERECHO DE PETICION-Por la naturaleza de su contenido es imposible dar una respuesta cierta y precisa \u00a0 DERECHO A ELEVAR CONSULTAS A LOS FUNCIONARIOS DE LA ADMINISTRACION Y DERECHO DE PETICION-Caracter\u00edsticas \u00a0 El art\u00edculo 23 constitucional establece que \u201ctoda persona tiene derecho a presentar peticiones respetuosas a las autoridades por motivos de inter\u00e9s general o particular y a obtener pronta resoluci\u00f3n.\u201d En desarrollo de esta norma constitucional, el C\u00f3digo Contencioso Administrativo contempla, en su art\u00edculo 25. De las norma se desprenden varias caracter\u00edsticas referentes al derecho a formular consultas: a. La ...<br \/><div class=\"pt-cv-rmwrap\"><a href=\"https:\/\/www.dmsjuridica.com\/buscador_20179478954\/corteconstitucionalcronologico202454587\/t-1075-03\/\" class=\"_self pt-cv-readmore btn btn-success\" target=\"_self\">Ver Sentencia Completa...<\/a><\/div><\/div><\/div><\/div>\n<div class=\"col-md-12 col-sm-12 col-xs-12 pt-cv-content-item pt-cv-1-col\" ><div class='pt-cv-ifield'><a href=\"https:\/\/www.dmsjuridica.com\/buscador_20179478954\/corteconstitucionalcronologico202454587\/t-1074-03\/\" class=\"_self pt-cv-href-thumbnail pt-cv-thumb-default\" target=\"_self\" ><\/a>\n<div class=\"pt-cv-taxoterm above_title\"><a href='https:\/\/www.dmsjuridica.com\/buscador_20179478954\/corteconstitucionalcronologico202454587\/category\/buscar-en-toda-la-corte\/2003\/tutelas-2003\/' title='Tutelas 2003' class='pt-cv-tax-tutelas-2003'>Tutelas 2003<\/a><\/div>\n<h4 class=\"pt-cv-title\"><a href=\"https:\/\/www.dmsjuridica.com\/buscador_20179478954\/corteconstitucionalcronologico202454587\/t-1074-03\/\" class=\"_self\" target=\"_self\" >T-1074-03<\/a><\/h4>\n<div class=\"pt-cv-content\">\u00a0 \u00a0 Sentencia T-1074\/03 \u00a0 PRESUNCION DE VERACIDAD EN TUTELA-Aplicaci\u00f3n por no rendici\u00f3n de informe \u00a0 DERECHO A LA SALUD-Incorpora derecho al diagn\u00f3stico \u00a0 Estima la Sala que en casos como el ahora estudiado, no se compadece con el derecho fundamental a la vida, ni con sus conexos a la salud, a la integridad personal y a la seguridad social, ni tiene cabida en el Estado Social de Derecho un comportamiento como el efectivamente probado en cabeza de la entidad demandada, que no atiende a la accionante a pesar de su comprobado estado de salud, su imposibilidad para caminar, la ...<br \/><div class=\"pt-cv-rmwrap\"><a href=\"https:\/\/www.dmsjuridica.com\/buscador_20179478954\/corteconstitucionalcronologico202454587\/t-1074-03\/\" class=\"_self pt-cv-readmore btn btn-success\" target=\"_self\">Ver Sentencia Completa...<\/a><\/div><\/div><\/div><\/div>\n<div class=\"col-md-12 col-sm-12 col-xs-12 pt-cv-content-item pt-cv-1-col\" ><div class='pt-cv-ifield'><a href=\"https:\/\/www.dmsjuridica.com\/buscador_20179478954\/corteconstitucionalcronologico202454587\/t-1073-03\/\" class=\"_self pt-cv-href-thumbnail pt-cv-thumb-default\" target=\"_self\" ><\/a>\n<div class=\"pt-cv-taxoterm above_title\"><a href='https:\/\/www.dmsjuridica.com\/buscador_20179478954\/corteconstitucionalcronologico202454587\/category\/buscar-en-toda-la-corte\/2003\/tutelas-2003\/' title='Tutelas 2003' class='pt-cv-tax-tutelas-2003'>Tutelas 2003<\/a><\/div>\n<h4 class=\"pt-cv-title\"><a href=\"https:\/\/www.dmsjuridica.com\/buscador_20179478954\/corteconstitucionalcronologico202454587\/t-1073-03\/\" class=\"_self\" target=\"_self\" >T-1073-03<\/a><\/h4>\n<div class=\"pt-cv-content\">\u00a0 \u00a0 Sentencia T-1073\/03 \u00a0 LICENCIA DE MATERNIDAD-Reglas que ha fijado la jurisprudencia para el pago \u00a0 LICENCIA DE MATERNIDAD-Pago no se pierde por hacerlo extempor\u00e1neamente \u00a0 LICENCIA DE MATERNIDAD-Pago por allanamiento a la mora por EPS \u00a0 Reiteraci\u00f3n de Jurisprudencia \u00a0 Referencia: expediente T-777529 \u00a0 Acci\u00f3n de tutela instaurada por Anay Roc\u00edo Ballestas Vergara contra SaludCoop E. P. S. Seccional Cartagena. \u00a0 Magistrado Ponente: \u00a0 Dr. EDUARDO MONTEALEGRE LYNETT. \u00a0 Bogot\u00e1, D. C., trece (13) de noviembre de dos mil tres (2003) \u00a0 La Sala S\u00e9ptima de Revisi\u00f3n de la Corte Constitucional, en ejercicio de sus competencias constitucionales y ...<br \/><div class=\"pt-cv-rmwrap\"><a href=\"https:\/\/www.dmsjuridica.com\/buscador_20179478954\/corteconstitucionalcronologico202454587\/t-1073-03\/\" class=\"_self pt-cv-readmore btn btn-success\" target=\"_self\">Ver Sentencia Completa...<\/a><\/div><\/div><\/div><\/div>\n<div class=\"col-md-12 col-sm-12 col-xs-12 pt-cv-content-item pt-cv-1-col\" ><div class='pt-cv-ifield'><a href=\"https:\/\/www.dmsjuridica.com\/buscador_20179478954\/corteconstitucionalcronologico202454587\/t-1072-03\/\" class=\"_self pt-cv-href-thumbnail pt-cv-thumb-default\" target=\"_self\" ><\/a>\n<div class=\"pt-cv-taxoterm above_title\"><a href='https:\/\/www.dmsjuridica.com\/buscador_20179478954\/corteconstitucionalcronologico202454587\/category\/buscar-en-toda-la-corte\/2003\/tutelas-2003\/' title='Tutelas 2003' class='pt-cv-tax-tutelas-2003'>Tutelas 2003<\/a><\/div>\n<h4 class=\"pt-cv-title\"><a href=\"https:\/\/www.dmsjuridica.com\/buscador_20179478954\/corteconstitucionalcronologico202454587\/t-1072-03\/\" class=\"_self\" target=\"_self\" >T-1072-03<\/a><\/h4>\n<div class=\"pt-cv-content\">\u00a0 \u00a0 Sentencia T-1072\/03 \u00a0 ACCION DE TUTELA-Hecho consumado por fallecimiento del actor \u00a0 DERECHO A LA SALUD DEL ENFERMO DE SIDA-Examen de carga viral fundamental para tratamiento de Sida \u00a0 Reiteraci\u00f3n de Jurisprudencia \u00a0 Referencia: expediente T-767012 \u00a0 Acci\u00f3n de tutela instaurada por John Jairo de Armas Salcedo contra la Secretar\u00eda de Salud y la Alcald\u00eda Distrital de Barranquilla. \u00a0 Magistrado Ponente: \u00a0 Dr. EDUARDO MONTEALEGRE LYNETT \u00a0 Bogot\u00e1, D. C., trece (13) de noviembre de dos mil tres (2003). \u00a0 La Sala S\u00e9ptima de Revisi\u00f3n de la Corte Constitucional, en ejercicio de sus competencias constitucionales y legales, espec\u00edficamente ...<br \/><div class=\"pt-cv-rmwrap\"><a href=\"https:\/\/www.dmsjuridica.com\/buscador_20179478954\/corteconstitucionalcronologico202454587\/t-1072-03\/\" class=\"_self pt-cv-readmore btn btn-success\" target=\"_self\">Ver Sentencia Completa...<\/a><\/div><\/div><\/div><\/div>\n<div class=\"col-md-12 col-sm-12 col-xs-12 pt-cv-content-item pt-cv-1-col\" ><div class='pt-cv-ifield'><a href=\"https:\/\/www.dmsjuridica.com\/buscador_20179478954\/corteconstitucionalcronologico202454587\/t-107-03\/\" class=\"_self pt-cv-href-thumbnail pt-cv-thumb-default\" target=\"_self\" ><\/a>\n<div class=\"pt-cv-taxoterm above_title\"><a href='https:\/\/www.dmsjuridica.com\/buscador_20179478954\/corteconstitucionalcronologico202454587\/category\/buscar-en-toda-la-corte\/2003\/tutelas-2003\/' title='Tutelas 2003' class='pt-cv-tax-tutelas-2003'>Tutelas 2003<\/a><\/div>\n<h4 class=\"pt-cv-title\"><a href=\"https:\/\/www.dmsjuridica.com\/buscador_20179478954\/corteconstitucionalcronologico202454587\/t-107-03\/\" class=\"_self\" target=\"_self\" >T-107-03<\/a><\/h4>\n<div class=\"pt-cv-content\">\u00a0 \u00a0 Sentencia T-107\/03 \u00a0 DEBIDO PROCESO PENAL Y DERECHO DE DEFENSA-Notificaci\u00f3n con base en datos o direcciones erradas \u00a0 No le asiste raz\u00f3n al demandante, debido a que las citaciones fueron remitidas a la direcci\u00f3n que \u00e9l mismo registr\u00f3 en la diligencia de indagatoria que rindi\u00f3 ante el Juzgado 92 de Instrucci\u00f3n Penal Militar (fls. 42 \u2013 46 del Proceso Penal), por tal motivo, no es de recibo que se afirme que las autoridades demandadas incumplieron con las \u00a0normas que regulan las notificaciones, puesto que las citaciones deben enviarse a la \u00faltima direcci\u00f3n que aparezca registrada en el expediente, ...<br \/><div class=\"pt-cv-rmwrap\"><a href=\"https:\/\/www.dmsjuridica.com\/buscador_20179478954\/corteconstitucionalcronologico202454587\/t-107-03\/\" class=\"_self pt-cv-readmore btn btn-success\" target=\"_self\">Ver Sentencia Completa...<\/a><\/div><\/div><\/div><\/div>\n<div class=\"col-md-12 col-sm-12 col-xs-12 pt-cv-content-item pt-cv-1-col\" ><div class='pt-cv-ifield'><a href=\"https:\/\/www.dmsjuridica.com\/buscador_20179478954\/corteconstitucionalcronologico202454587\/t-1069-03\/\" class=\"_self pt-cv-href-thumbnail pt-cv-thumb-default\" target=\"_self\" ><\/a>\n<div class=\"pt-cv-taxoterm above_title\"><a href='https:\/\/www.dmsjuridica.com\/buscador_20179478954\/corteconstitucionalcronologico202454587\/category\/buscar-en-toda-la-corte\/2003\/tutelas-2003\/' title='Tutelas 2003' class='pt-cv-tax-tutelas-2003'>Tutelas 2003<\/a><\/div>\n<h4 class=\"pt-cv-title\"><a href=\"https:\/\/www.dmsjuridica.com\/buscador_20179478954\/corteconstitucionalcronologico202454587\/t-1069-03\/\" class=\"_self\" target=\"_self\" >T-1069-03<\/a><\/h4>\n<div class=\"pt-cv-content\">\u00a0 \u00a0 Sentencia T-1069\/03 \u00a0 CAUCION EN PROCESO ORDINARIO DE MAYOR CUANTIA-Controversia sobre monto se\u00f1alado para suspender ejecuci\u00f3n de sentencia \u00a0 ACCION DE TUTELA CONTRA PROVIDENCIAS JUDICIALES\/ACCION DE TUTELA-Improcedencia para revivir debates procesales debidamente concluidos \u00a0 Est\u00e1 demostrado que la Compa\u00f1\u00eda de Seguros hizo uso de los medios de defensa que ten\u00eda a su alcance dentro del proceso, y no se vislumbra, por parte de esta Sala, ninguna v\u00eda de hecho en las actuaciones del Tribunal Superior que resolvieron tales recursos. La acci\u00f3n de tutela no es procedente en el presente caso, dado que la actora, en algunos casos, no ...<br \/><div class=\"pt-cv-rmwrap\"><a href=\"https:\/\/www.dmsjuridica.com\/buscador_20179478954\/corteconstitucionalcronologico202454587\/t-1069-03\/\" class=\"_self pt-cv-readmore btn btn-success\" target=\"_self\">Ver Sentencia Completa...<\/a><\/div><\/div><\/div><\/div>\n<div class=\"col-md-12 col-sm-12 col-xs-12 pt-cv-content-item pt-cv-1-col\" ><div class='pt-cv-ifield'><a href=\"https:\/\/www.dmsjuridica.com\/buscador_20179478954\/corteconstitucionalcronologico202454587\/t-1068-03\/\" class=\"_self pt-cv-href-thumbnail pt-cv-thumb-default\" target=\"_self\" ><\/a>\n<div class=\"pt-cv-taxoterm above_title\"><a href='https:\/\/www.dmsjuridica.com\/buscador_20179478954\/corteconstitucionalcronologico202454587\/category\/buscar-en-toda-la-corte\/2003\/tutelas-2003\/' title='Tutelas 2003' class='pt-cv-tax-tutelas-2003'>Tutelas 2003<\/a><\/div>\n<h4 class=\"pt-cv-title\"><a href=\"https:\/\/www.dmsjuridica.com\/buscador_20179478954\/corteconstitucionalcronologico202454587\/t-1068-03\/\" class=\"_self\" target=\"_self\" >T-1068-03<\/a><\/h4>\n<div class=\"pt-cv-content\">\u00a0 \u00a0 Sentencia T-1068\/03 \u00a0 LICENCIA DE MATERNIDAD-Reglas que ha fijado la jurisprudencia para el pago \u00a0 Las reglas que la jurisprudencia de esta Corporaci\u00f3n ha delineado para la procedencia de una acci\u00f3n de tutela orientada al pago de una licencia de maternidad son las siguientes: a) En principio se trata de un derecho prestacional y, en consecuencia, no susceptible de protecci\u00f3n por v\u00eda del amparo constitucional. No obstante, cuando se halla en relaci\u00f3n inescindible con derechos fundamentales de la madre o del reci\u00e9n nacido - tal es el caso de los derechos a la vida digna, a la seguridad ...<br \/><div class=\"pt-cv-rmwrap\"><a href=\"https:\/\/www.dmsjuridica.com\/buscador_20179478954\/corteconstitucionalcronologico202454587\/t-1068-03\/\" class=\"_self pt-cv-readmore btn btn-success\" target=\"_self\">Ver Sentencia Completa...<\/a><\/div><\/div><\/div><\/div>\n<div class=\"col-md-12 col-sm-12 col-xs-12 pt-cv-content-item pt-cv-1-col\" ><div class='pt-cv-ifield'><a href=\"https:\/\/www.dmsjuridica.com\/buscador_20179478954\/corteconstitucionalcronologico202454587\/t-1067-03\/\" class=\"_self pt-cv-href-thumbnail pt-cv-thumb-default\" target=\"_self\" ><\/a>\n<div class=\"pt-cv-taxoterm above_title\"><a href='https:\/\/www.dmsjuridica.com\/buscador_20179478954\/corteconstitucionalcronologico202454587\/category\/buscar-en-toda-la-corte\/2003\/tutelas-2003\/' title='Tutelas 2003' class='pt-cv-tax-tutelas-2003'>Tutelas 2003<\/a><\/div>\n<h4 class=\"pt-cv-title\"><a href=\"https:\/\/www.dmsjuridica.com\/buscador_20179478954\/corteconstitucionalcronologico202454587\/t-1067-03\/\" class=\"_self\" target=\"_self\" >T-1067-03<\/a><\/h4>\n<div class=\"pt-cv-content\">\u00a0 \u00a0 Sentencia T-1067\/03 \u00a0 Reiteraci\u00f3n de jurisprudencia \u00a0 Referencia: expediente T-776158 \u00a0 Acci\u00f3n de tutela instaurada por N\u00e9stor Mariano de Le\u00f3n de Le\u00f3n contra la Gobernaci\u00f3n de C\u00f3rdoba \u00a0 Magistrado Ponente: \u00a0 Dr. JAIME ARA\u00daJO RENTER\u00cdA \u00a0 Bogot\u00e1, D. C., doce (12) de noviembre de dos mil tres (2003). \u00a0 La Sala Primera de Revisi\u00f3n de la Corte Constitucional, integrada por los magistrados JAIME ARA\u00daJO RENTER\u00cdA, ALFREDO BELTR\u00c1N SIERRA y MANUEL JOS\u00c9 CEPEDA ESPINOSA en ejercicio de sus competencias constitucionales y legales, espec\u00edficamente las previstas en los art\u00edculos 86 y 241, numeral 9, de la Constituci\u00f3n Pol\u00edtica y en ...<br \/><div class=\"pt-cv-rmwrap\"><a href=\"https:\/\/www.dmsjuridica.com\/buscador_20179478954\/corteconstitucionalcronologico202454587\/t-1067-03\/\" class=\"_self pt-cv-readmore btn btn-success\" target=\"_self\">Ver Sentencia Completa...<\/a><\/div><\/div><\/div><\/div>\n<div class=\"col-md-12 col-sm-12 col-xs-12 pt-cv-content-item pt-cv-1-col\" ><div class='pt-cv-ifield'><a href=\"https:\/\/www.dmsjuridica.com\/buscador_20179478954\/corteconstitucionalcronologico202454587\/t-1066-03\/\" class=\"_self pt-cv-href-thumbnail pt-cv-thumb-default\" target=\"_self\" ><\/a>\n<div class=\"pt-cv-taxoterm above_title\"><a href='https:\/\/www.dmsjuridica.com\/buscador_20179478954\/corteconstitucionalcronologico202454587\/category\/buscar-en-toda-la-corte\/2003\/tutelas-2003\/' title='Tutelas 2003' class='pt-cv-tax-tutelas-2003'>Tutelas 2003<\/a><\/div>\n<h4 class=\"pt-cv-title\"><a href=\"https:\/\/www.dmsjuridica.com\/buscador_20179478954\/corteconstitucionalcronologico202454587\/t-1066-03\/\" class=\"_self\" target=\"_self\" >T-1066-03<\/a><\/h4>\n<div class=\"pt-cv-content\">\u00a0 \u00a0 Sentencia T-1066\/03 \u00a0 DERECHO A LA INTIMIDAD DE ENFERMO DE SIDA Y PRINCIPIO DE CONFIDENCIALIDAD EN TRATAMIENTOS MEDICOS-Reemplazo de m\u00e9dico no implica vulneraci\u00f3n \u00a0 Es clara la disposici\u00f3n citada en que la reserva se predica frente a la comunidad, m\u00e1s no al interior del cuerpo m\u00e9dico, luego el hecho de que un m\u00e9dico que estaba atendiendo a un enfermo de Sida deba ser reemplazado por otro, no vulnera en ning\u00fan aspecto el derecho a la intimidad del paciente, siempre que se conserve la especialidad en el manejo de los enfermos con SIDA y tales m\u00e9dicos, como todos los ...<br \/><div class=\"pt-cv-rmwrap\"><a href=\"https:\/\/www.dmsjuridica.com\/buscador_20179478954\/corteconstitucionalcronologico202454587\/t-1066-03\/\" class=\"_self pt-cv-readmore btn btn-success\" target=\"_self\">Ver Sentencia Completa...<\/a><\/div><\/div><\/div><\/div>\n<div class=\"col-md-12 col-sm-12 col-xs-12 pt-cv-content-item pt-cv-1-col\" ><div class='pt-cv-ifield'><a href=\"https:\/\/www.dmsjuridica.com\/buscador_20179478954\/corteconstitucionalcronologico202454587\/t-106-03\/\" class=\"_self pt-cv-href-thumbnail pt-cv-thumb-default\" target=\"_self\" ><\/a>\n<div class=\"pt-cv-taxoterm above_title\"><a href='https:\/\/www.dmsjuridica.com\/buscador_20179478954\/corteconstitucionalcronologico202454587\/category\/buscar-en-toda-la-corte\/2003\/tutelas-2003\/' title='Tutelas 2003' class='pt-cv-tax-tutelas-2003'>Tutelas 2003<\/a><\/div>\n<h4 class=\"pt-cv-title\"><a href=\"https:\/\/www.dmsjuridica.com\/buscador_20179478954\/corteconstitucionalcronologico202454587\/t-106-03\/\" class=\"_self\" target=\"_self\" >T-106-03<\/a><\/h4>\n<div class=\"pt-cv-content\">\u00a0 \u00a0 Sentencia T-106\/03 \u00a0 PLAN OBLIGATORIO DE SALUD-Capacidad econ\u00f3mica del usuario respecto de servicios no cubiertos \u00a0 \u00a0 Reiteraci\u00f3n de Jurisprudencia \u00a0 Referencia: expediente T-659203 \u00a0 Acci\u00f3n de tutela interpuesta por V\u00edctor Hugo Ortega Calder\u00f3n contra Cajanal y Consorcio Prosalud Cosmited Ltda. \u00a0 Magistrado Ponente: \u00a0 Dr. JAIME ARA\u00daJO RENTER\u00cdA \u00a0 Bogot\u00e1, D. C., doce (12) de febrero de dos mil tres (2003).\u00a0 \u00a0 La Sala Primera de Revisi\u00f3n de la Corte Constitucional, integrada por los Magistrados ALFREDO BELTRAN SIERRA, MANUEL JOSE CEPEDA ESPINOSA y JAIME ARAUJO RENTERIA, en ejercicio de sus competencias constitucionales y legales, ha proferido la ...<br \/><div class=\"pt-cv-rmwrap\"><a href=\"https:\/\/www.dmsjuridica.com\/buscador_20179478954\/corteconstitucionalcronologico202454587\/t-106-03\/\" class=\"_self pt-cv-readmore btn btn-success\" target=\"_self\">Ver Sentencia Completa...<\/a><\/div><\/div><\/div><\/div>\n<div class=\"col-md-12 col-sm-12 col-xs-12 pt-cv-content-item pt-cv-1-col\" ><div class='pt-cv-ifield'><a href=\"https:\/\/www.dmsjuridica.com\/buscador_20179478954\/corteconstitucionalcronologico202454587\/t-1054-03\/\" class=\"_self pt-cv-href-thumbnail pt-cv-thumb-default\" target=\"_self\" ><\/a>\n<div class=\"pt-cv-taxoterm above_title\"><a href='https:\/\/www.dmsjuridica.com\/buscador_20179478954\/corteconstitucionalcronologico202454587\/category\/buscar-en-toda-la-corte\/2003\/tutelas-2003\/' title='Tutelas 2003' class='pt-cv-tax-tutelas-2003'>Tutelas 2003<\/a><\/div>\n<h4 class=\"pt-cv-title\"><a href=\"https:\/\/www.dmsjuridica.com\/buscador_20179478954\/corteconstitucionalcronologico202454587\/t-1054-03\/\" class=\"_self\" target=\"_self\" >T-1054-03<\/a><\/h4>\n<div class=\"pt-cv-content\">\u00a0 \u00a0 Sentencia T-1054\/03 \u00a0 CONTRATO DE MEDICINA PREPAGADA-Se dio informaci\u00f3n equivocada al Juez de Tutela sobre vigencia \u00a0 La informaci\u00f3n suministrada en su oportunidad por el Subgerente Administrativo de CAFESALUD condicion\u00f3 la decisi\u00f3n de los jueces de instancia, quienes, partiendo del presupuesto falso de la terminaci\u00f3n del contrato de medicina prepagada en la \u00e9poca en que se instaur\u00f3 la acci\u00f3n de tutela, limitaron su an\u00e1lisis del caso a las obligaciones de la EPS y a las caracter\u00edsticas y limitaciones del Plan Obligatorio de Salud, sin adentrar su an\u00e1lisis al campo de la medicina prepagada, que era lo que correspond\u00eda ...<br \/><div class=\"pt-cv-rmwrap\"><a href=\"https:\/\/www.dmsjuridica.com\/buscador_20179478954\/corteconstitucionalcronologico202454587\/t-1054-03\/\" class=\"_self pt-cv-readmore btn btn-success\" target=\"_self\">Ver Sentencia Completa...<\/a><\/div><\/div><\/div><\/div>\n<div class=\"col-md-12 col-sm-12 col-xs-12 pt-cv-content-item pt-cv-1-col\" ><div class='pt-cv-ifield'><a href=\"https:\/\/www.dmsjuridica.com\/buscador_20179478954\/corteconstitucionalcronologico202454587\/t-1053-03\/\" class=\"_self pt-cv-href-thumbnail pt-cv-thumb-default\" target=\"_self\" ><\/a>\n<div class=\"pt-cv-taxoterm above_title\"><a href='https:\/\/www.dmsjuridica.com\/buscador_20179478954\/corteconstitucionalcronologico202454587\/category\/buscar-en-toda-la-corte\/2003\/tutelas-2003\/' title='Tutelas 2003' class='pt-cv-tax-tutelas-2003'>Tutelas 2003<\/a><\/div>\n<h4 class=\"pt-cv-title\"><a href=\"https:\/\/www.dmsjuridica.com\/buscador_20179478954\/corteconstitucionalcronologico202454587\/t-1053-03\/\" class=\"_self\" target=\"_self\" >T-1053-03<\/a><\/h4>\n<div class=\"pt-cv-content\">\u00a0 \u00a0 Sentencia T-1053\/03 \u00a0 DERECHO A LA SALUD-Fundamental por conexidad con la vida \u00a0 DERECHO A LA SALUD-Continuidad del tratamiento m\u00e9dico sin cumplir periodo m\u00ednimo de cotizaci\u00f3n \u00a0 ENTIDAD PROMOTORA DE SALUD-Obligaci\u00f3n no cesa por aplicaci\u00f3n de inciso final de art\u00edculo 61 Decreto 806\/98 \u00a0 ENTIDAD PROMOTORA DE SALUD-Repetici\u00f3n contra el Fosyga \u00a0 La decisi\u00f3n que aqu\u00ed se toma, se aparta de la orden impartida en el numeral segundo, en cuanto indic\u00f3 que la obligaci\u00f3n de la E.P.S. cesar\u00e1 cuando la paciente pueda ser atendida por una de las instituciones de que trata el inciso final del art. 61 ...<br \/><div class=\"pt-cv-rmwrap\"><a href=\"https:\/\/www.dmsjuridica.com\/buscador_20179478954\/corteconstitucionalcronologico202454587\/t-1053-03\/\" class=\"_self pt-cv-readmore btn btn-success\" target=\"_self\">Ver Sentencia Completa...<\/a><\/div><\/div><\/div><\/div>\n<div class=\"col-md-12 col-sm-12 col-xs-12 pt-cv-content-item pt-cv-1-col\" ><div class='pt-cv-ifield'><a href=\"https:\/\/www.dmsjuridica.com\/buscador_20179478954\/corteconstitucionalcronologico202454587\/t-1052-03\/\" class=\"_self pt-cv-href-thumbnail pt-cv-thumb-default\" target=\"_self\" ><\/a>\n<div class=\"pt-cv-taxoterm above_title\"><a href='https:\/\/www.dmsjuridica.com\/buscador_20179478954\/corteconstitucionalcronologico202454587\/category\/buscar-en-toda-la-corte\/2003\/tutelas-2003\/' title='Tutelas 2003' class='pt-cv-tax-tutelas-2003'>Tutelas 2003<\/a><\/div>\n<h4 class=\"pt-cv-title\"><a href=\"https:\/\/www.dmsjuridica.com\/buscador_20179478954\/corteconstitucionalcronologico202454587\/t-1052-03\/\" class=\"_self\" target=\"_self\" >T-1052-03<\/a><\/h4>\n<div class=\"pt-cv-content\">\u00a0 \u00a0 Sentencia T-1052\/03 \u00a0 TITULO DE IDONEIDAD PROFESIONAL-Exigencia por legislador \u00a0 La facultad de exigir t\u00edtulos de idoneidad no es nueva, la establece la Constituci\u00f3n en el art\u00edculo 26, y en la anterior Constituci\u00f3n en el art\u00edculo 39; que, al menos desde 1962, ha existido la obligaci\u00f3n de pronunciamiento oficial sobre los t\u00edtulos (refrendaci\u00f3n, convalidaci\u00f3n, homologaci\u00f3n). Que en las dos oportunidades que el legislador ha establecido que no se requiere el requisito de la convalidaci\u00f3n, con excepci\u00f3n expresa de la medicina, la Corte ha declarado su inexequibilidad. Es decir, para el legislador ni siquiera ha estado en discusi\u00f3n la ...<br \/><div class=\"pt-cv-rmwrap\"><a href=\"https:\/\/www.dmsjuridica.com\/buscador_20179478954\/corteconstitucionalcronologico202454587\/t-1052-03\/\" class=\"_self pt-cv-readmore btn btn-success\" target=\"_self\">Ver Sentencia Completa...<\/a><\/div><\/div><\/div><\/div>\n<div class=\"col-md-12 col-sm-12 col-xs-12 pt-cv-content-item pt-cv-1-col\" ><div class='pt-cv-ifield'><a href=\"https:\/\/www.dmsjuridica.com\/buscador_20179478954\/corteconstitucionalcronologico202454587\/t-1051-03\/\" class=\"_self pt-cv-href-thumbnail pt-cv-thumb-default\" target=\"_self\" ><\/a>\n<div class=\"pt-cv-taxoterm above_title\"><a href='https:\/\/www.dmsjuridica.com\/buscador_20179478954\/corteconstitucionalcronologico202454587\/category\/buscar-en-toda-la-corte\/2003\/tutelas-2003\/' title='Tutelas 2003' class='pt-cv-tax-tutelas-2003'>Tutelas 2003<\/a><\/div>\n<h4 class=\"pt-cv-title\"><a href=\"https:\/\/www.dmsjuridica.com\/buscador_20179478954\/corteconstitucionalcronologico202454587\/t-1051-03\/\" class=\"_self\" target=\"_self\" >T-1051-03<\/a><\/h4>\n<div class=\"pt-cv-content\">\u00a0 \u00a0 Sentencia T-1051\/03 \u00a0 INTERES SUPERIOR DEL MENOR-Protecci\u00f3n \u00a0 DERECHO DE ALIMENTOS-Concepto \u00a0 RECONOCIMIENTO DE OBLIGACIONES ALIMENTARIAS-Protecci\u00f3n del Estado \u00a0 ACCION DE TUTELA-Procedencia pago de alimentos a menores por vulneraci\u00f3n del m\u00ednimo vital \u00a0 Cuando el derecho fundamental al pago de la obligaci\u00f3n alimentaria respecto de un menor de edad aparezca comprometido, la protecci\u00f3n por v\u00eda de tutela se hace necesaria e inminente, en procura de amparar el m\u00ednimo vital del menor cuya mesada es necesaria para proporcionarle las condiciones b\u00e1sicas de subsistencia. Por ello, el pago oportuno de la cuota alimentaria respecto de un menor constituye una obligaci\u00f3n ...<br \/><div class=\"pt-cv-rmwrap\"><a href=\"https:\/\/www.dmsjuridica.com\/buscador_20179478954\/corteconstitucionalcronologico202454587\/t-1051-03\/\" class=\"_self pt-cv-readmore btn btn-success\" target=\"_self\">Ver Sentencia Completa...<\/a><\/div><\/div><\/div><\/div>\n<div class=\"col-md-12 col-sm-12 col-xs-12 pt-cv-content-item pt-cv-1-col\" ><div class='pt-cv-ifield'><a href=\"https:\/\/www.dmsjuridica.com\/buscador_20179478954\/corteconstitucionalcronologico202454587\/t-1050-03\/\" class=\"_self pt-cv-href-thumbnail pt-cv-thumb-default\" target=\"_self\" ><\/a>\n<div class=\"pt-cv-taxoterm above_title\"><a href='https:\/\/www.dmsjuridica.com\/buscador_20179478954\/corteconstitucionalcronologico202454587\/category\/buscar-en-toda-la-corte\/2003\/tutelas-2003\/' title='Tutelas 2003' class='pt-cv-tax-tutelas-2003'>Tutelas 2003<\/a><\/div>\n<h4 class=\"pt-cv-title\"><a href=\"https:\/\/www.dmsjuridica.com\/buscador_20179478954\/corteconstitucionalcronologico202454587\/t-1050-03\/\" class=\"_self\" target=\"_self\" >T-1050-03<\/a><\/h4>\n<div class=\"pt-cv-content\">\u00a0 \u00a0 Sentencia T-1050\/03 \u00a0 DERECHO A LA SALUD-Fundamental por conexidad \u00a0 DERECHO A LA VIDA DIGNA-Dolor \u00a0 INAPLICACION DE NORMAS DEL PLAN OBLIGATORIO DE SALUD-Casos en que procede por exclusi\u00f3n de tratamientos y medicamentos de alto costo \u00a0 DERECHO A LA VIDA DIGNA-Cirug\u00eda para aliviar dolor\/DERECHO A LA VIDA-Comprende condiciones dignas \u00a0 ENTIDAD PROMOTORA DE SALUD-Autorizaci\u00f3n cirug\u00eda de reemplazo de cadera\/ENTIDAD PROMOTORA DE SALUD-Repetici\u00f3n contra el FOSYGA \u00a0 Reiteraci\u00f3n de Jurisprudencia \u00a0 Referencia: expediente T-766671 \u00a0 Acci\u00f3n de tutela instaurada por Ana Gilma Caro de S\u00e1nchez contra el Instituto de Seguro Social, E.P.S. \u00a0 Magistrada Ponente: \u00a0 Dra. CLARA ...<br \/><div class=\"pt-cv-rmwrap\"><a href=\"https:\/\/www.dmsjuridica.com\/buscador_20179478954\/corteconstitucionalcronologico202454587\/t-1050-03\/\" class=\"_self pt-cv-readmore btn btn-success\" target=\"_self\">Ver Sentencia Completa...<\/a><\/div><\/div><\/div><\/div>\n<div class=\"col-md-12 col-sm-12 col-xs-12 pt-cv-content-item pt-cv-1-col\" ><div class='pt-cv-ifield'><a href=\"https:\/\/www.dmsjuridica.com\/buscador_20179478954\/corteconstitucionalcronologico202454587\/t-105-03\/\" class=\"_self pt-cv-href-thumbnail pt-cv-thumb-default\" target=\"_self\" ><\/a>\n<div class=\"pt-cv-taxoterm above_title\"><a href='https:\/\/www.dmsjuridica.com\/buscador_20179478954\/corteconstitucionalcronologico202454587\/category\/buscar-en-toda-la-corte\/2003\/tutelas-2003\/' title='Tutelas 2003' class='pt-cv-tax-tutelas-2003'>Tutelas 2003<\/a><\/div>\n<h4 class=\"pt-cv-title\"><a href=\"https:\/\/www.dmsjuridica.com\/buscador_20179478954\/corteconstitucionalcronologico202454587\/t-105-03\/\" class=\"_self\" target=\"_self\" >T-105-03<\/a><\/h4>\n<div class=\"pt-cv-content\">\u00a0 \u00a0 Sentencia T-105\/03 \u00a0 PRINCIPIO NO REFORMATIO IN PEJUS-Constitucionalizaci\u00f3n \u00a0 PRINCIPIO NO REFORMATIO IN PEJUS-Competencia restringida del ad quem \u00a0 APELANTE UNICO-Concepto \u00a0 Es claro que la calidad de apelante \u00fanico a que se refiere el art. 31 de la Carta Pol\u00edtica de 1991 hace referencia al inter\u00e9s que se tiene para \u00a0recurrir o a la naturaleza de las pretensiones y no a la cantidad de \u00a0apelantes, sean ellos los condenados u otros sujetos del proceso. Se mira un \u00fanico inter\u00e9s del condenado o m\u00faltiples intereses no contrapuestos, al mismo, pues ha de recordarse que el Ministerio Publico y ...<br \/><div class=\"pt-cv-rmwrap\"><a href=\"https:\/\/www.dmsjuridica.com\/buscador_20179478954\/corteconstitucionalcronologico202454587\/t-105-03\/\" class=\"_self pt-cv-readmore btn btn-success\" target=\"_self\">Ver Sentencia Completa...<\/a><\/div><\/div><\/div><\/div>\n<div class=\"col-md-12 col-sm-12 col-xs-12 pt-cv-content-item pt-cv-1-col\" ><div class='pt-cv-ifield'><a href=\"https:\/\/www.dmsjuridica.com\/buscador_20179478954\/corteconstitucionalcronologico202454587\/t-1049-03\/\" class=\"_self pt-cv-href-thumbnail pt-cv-thumb-default\" target=\"_self\" ><\/a>\n<div class=\"pt-cv-taxoterm above_title\"><a href='https:\/\/www.dmsjuridica.com\/buscador_20179478954\/corteconstitucionalcronologico202454587\/category\/buscar-en-toda-la-corte\/2003\/tutelas-2003\/' title='Tutelas 2003' class='pt-cv-tax-tutelas-2003'>Tutelas 2003<\/a><\/div>\n<h4 class=\"pt-cv-title\"><a href=\"https:\/\/www.dmsjuridica.com\/buscador_20179478954\/corteconstitucionalcronologico202454587\/t-1049-03\/\" class=\"_self\" target=\"_self\" >T-1049-03<\/a><\/h4>\n<div class=\"pt-cv-content\">\u00a0 \u00a0 Sentencia T-1049\/03 \u00a0 ACCION DE TUTELA-Procedencia excepcional pago de acreencias laborales\/DERECHO AL MINIMO VITAL DEL TRABAJADOR-Pago oportuno de salarios\/EMPLEADOR-Situaci\u00f3n econ\u00f3mica o presupuestal no es \u00f3bice para desconocer obligaciones laborales \u00a0 MINIMO VITAL-No equivale a salario m\u00ednimo \u00a0 ACUERDOS DE REESTRUCTURACION-No significa incumplimiento de obligaciones laborales ni vulneraci\u00f3n de derechos fundamentales\u00a0 \u00a0 DERECHO AL MINIMO VITAL DEL TRABAJADOR-Pago de salarios \u00a0 Referencia: expediente T-764635 \u00a0 Acci\u00f3n de tutela interpuesta por Beatr\u00edz Elena Pereira Robles contra el Hospital San Crist\u00f3bal de Ci\u00e9naga Magdalena, Empresa Social del Estado. \u00a0 Magistrada Ponente: \u00a0 Dra. CLARA INES VARGAS HERNANDEZ \u00a0 Bogot\u00e1 D. C., ...<br \/><div class=\"pt-cv-rmwrap\"><a href=\"https:\/\/www.dmsjuridica.com\/buscador_20179478954\/corteconstitucionalcronologico202454587\/t-1049-03\/\" class=\"_self pt-cv-readmore btn btn-success\" target=\"_self\">Ver Sentencia Completa...<\/a><\/div><\/div><\/div><\/div>\n<div class=\"col-md-12 col-sm-12 col-xs-12 pt-cv-content-item pt-cv-1-col\" ><div class='pt-cv-ifield'><a href=\"https:\/\/www.dmsjuridica.com\/buscador_20179478954\/corteconstitucionalcronologico202454587\/t-1048-03\/\" class=\"_self pt-cv-href-thumbnail pt-cv-thumb-default\" target=\"_self\" ><\/a>\n<div class=\"pt-cv-taxoterm above_title\"><a href='https:\/\/www.dmsjuridica.com\/buscador_20179478954\/corteconstitucionalcronologico202454587\/category\/buscar-en-toda-la-corte\/2003\/tutelas-2003\/' title='Tutelas 2003' class='pt-cv-tax-tutelas-2003'>Tutelas 2003<\/a><\/div>\n<h4 class=\"pt-cv-title\"><a href=\"https:\/\/www.dmsjuridica.com\/buscador_20179478954\/corteconstitucionalcronologico202454587\/t-1048-03\/\" class=\"_self\" target=\"_self\" >T-1048-03<\/a><\/h4>\n<div class=\"pt-cv-content\">\u00a0 \u00a0 Sentencia T-1048\/03 \u00a0 \u00a0 \u00a0 \u00a0 \u00a0 \u00a0 \u00a0 \u00a0DERECHO A LA SALUD-Fundamental por conexidad \u00a0 DERECHO A LA SALUD-Incorpora el derecho al diagn\u00f3stico \u00a0 DERECHO A LA SALUD Y VIDA-Vulneraci\u00f3n por no realizar examen de diagn\u00f3stico necesario para detectar enfermedad \u00a0 SISTEMA GENERAL DE SEGURIDAD SOCIAL INTEGRAL-Finalidad \u00a0 SISTEMA GENERAL DE SEGURIDAD SOCIAL EN SALUD-EPS o ARS debe velar por su atenci\u00f3n integral \u00a0 SERVICIO PUBLICO DE SALUD-Continuidad y eficacia \u00a0 ADMINISTRADORA DEL REGIMEN SUBSIDIADO-Obligaciones frente a servicios no incluidos en POS \u00a0 BENEFICIARIO DEL REGIMEN SUBSIDIADO DE SALUD-Instituciones p\u00fablicas o privadas que contraten con el Estado ...<br \/><div class=\"pt-cv-rmwrap\"><a href=\"https:\/\/www.dmsjuridica.com\/buscador_20179478954\/corteconstitucionalcronologico202454587\/t-1048-03\/\" class=\"_self pt-cv-readmore btn btn-success\" target=\"_self\">Ver Sentencia Completa...<\/a><\/div><\/div><\/div><\/div>\n<div class=\"col-md-12 col-sm-12 col-xs-12 pt-cv-content-item pt-cv-1-col\" ><div class='pt-cv-ifield'><a href=\"https:\/\/www.dmsjuridica.com\/buscador_20179478954\/corteconstitucionalcronologico202454587\/t-1047-03\/\" class=\"_self pt-cv-href-thumbnail pt-cv-thumb-default\" target=\"_self\" ><\/a>\n<div class=\"pt-cv-taxoterm above_title\"><a href='https:\/\/www.dmsjuridica.com\/buscador_20179478954\/corteconstitucionalcronologico202454587\/category\/buscar-en-toda-la-corte\/2003\/tutelas-2003\/' title='Tutelas 2003' class='pt-cv-tax-tutelas-2003'>Tutelas 2003<\/a><\/div>\n<h4 class=\"pt-cv-title\"><a href=\"https:\/\/www.dmsjuridica.com\/buscador_20179478954\/corteconstitucionalcronologico202454587\/t-1047-03\/\" class=\"_self\" target=\"_self\" >T-1047-03<\/a><\/h4>\n<div class=\"pt-cv-content\">\u00a0 \u00a0 Sentencia T-1047\/03 \u00a0 ACCION DE TUTELA CONTRA AUTOS EN PROCESO PENAL-Niegan libertad provisional prevista en art\u00edculo 365-5 del CPP \u00a0 COSA JUZGADA MATERIAL-Inexistencia\/VIA DE HECHO-Inexistencia por desconocimiento de cosa juzgada constitucional\/AUTONOMIA FUNCIONAL DEL JUEZ-Interpretaci\u00f3n razonada y razonable de circunstancias de hecho \u00a0 ADMINISTRACION DE JUSTICIA-Resoluci\u00f3n oportuna de procesos\u00a0 \u00a0 DEBIDO PROCESO PENAL-Dilaci\u00f3n injustificada en el tr\u00e1mite\/DEBIDO PROCESO PENAL-Dilaci\u00f3n injustificada en continuar audiencia p\u00fablica \u00a0 JUEZ PENAL-Debe se\u00f1alar nueva fecha para continuaci\u00f3n de audiencia p\u00fablica \u00a0 Es obvio que a medida que pasa el tiempo y no se reinicia la audiencia, la demora que era \u00a0explicable se ha convertido ...<br \/><div class=\"pt-cv-rmwrap\"><a href=\"https:\/\/www.dmsjuridica.com\/buscador_20179478954\/corteconstitucionalcronologico202454587\/t-1047-03\/\" class=\"_self pt-cv-readmore btn btn-success\" target=\"_self\">Ver Sentencia Completa...<\/a><\/div><\/div><\/div><\/div>\n<div class=\"col-md-12 col-sm-12 col-xs-12 pt-cv-content-item pt-cv-1-col\" ><div class='pt-cv-ifield'><a href=\"https:\/\/www.dmsjuridica.com\/buscador_20179478954\/corteconstitucionalcronologico202454587\/t-1046-03\/\" class=\"_self pt-cv-href-thumbnail pt-cv-thumb-default\" target=\"_self\" ><\/a>\n<div class=\"pt-cv-taxoterm above_title\"><a href='https:\/\/www.dmsjuridica.com\/buscador_20179478954\/corteconstitucionalcronologico202454587\/category\/buscar-en-toda-la-corte\/2003\/tutelas-2003\/' title='Tutelas 2003' class='pt-cv-tax-tutelas-2003'>Tutelas 2003<\/a><\/div>\n<h4 class=\"pt-cv-title\"><a href=\"https:\/\/www.dmsjuridica.com\/buscador_20179478954\/corteconstitucionalcronologico202454587\/t-1046-03\/\" class=\"_self\" target=\"_self\" >T-1046-03<\/a><\/h4>\n<div class=\"pt-cv-content\">\u00a0 \u00a0 Sentencia T-1046\/03 \u00a0 FUERZAS ARMADAS-Causales de desvinculaci\u00f3n razonables y objetivas\/SERVICIO MILITAR OBLIGATORIO-Desvinculaci\u00f3n por ser portador de VIH\/ENFERMO DE SIDA-No discriminaci\u00f3n\/EJERCITO NACIONAL-Desvinculaci\u00f3n por ser portador de VIH \u00a0 Una vez el Ej\u00e9rcito ha adoptado la decisi\u00f3n de reclutar un soldado para la prestaci\u00f3n del servicio militar obligatorio, no puede tomar la decisi\u00f3n discrecional de desvincularlo sino que deben mediar razones objetivas que as\u00ed lo aconsejen. En segundo lugar, no obra en el expediente prueba alguna de que el accionante hubiera estado en incapacidad de cumplir con sus obligaciones como soldado de la patria o de realizar las actividades que ...<br \/><div class=\"pt-cv-rmwrap\"><a href=\"https:\/\/www.dmsjuridica.com\/buscador_20179478954\/corteconstitucionalcronologico202454587\/t-1046-03\/\" class=\"_self pt-cv-readmore btn btn-success\" target=\"_self\">Ver Sentencia Completa...<\/a><\/div><\/div><\/div><\/div>\n<div class=\"col-md-12 col-sm-12 col-xs-12 pt-cv-content-item pt-cv-1-col\" ><div class='pt-cv-ifield'><a href=\"https:\/\/www.dmsjuridica.com\/buscador_20179478954\/corteconstitucionalcronologico202454587\/t-1045-03\/\" class=\"_self pt-cv-href-thumbnail pt-cv-thumb-default\" target=\"_self\" ><\/a>\n<div class=\"pt-cv-taxoterm above_title\"><a href='https:\/\/www.dmsjuridica.com\/buscador_20179478954\/corteconstitucionalcronologico202454587\/category\/buscar-en-toda-la-corte\/2003\/tutelas-2003\/' title='Tutelas 2003' class='pt-cv-tax-tutelas-2003'>Tutelas 2003<\/a><\/div>\n<h4 class=\"pt-cv-title\"><a href=\"https:\/\/www.dmsjuridica.com\/buscador_20179478954\/corteconstitucionalcronologico202454587\/t-1045-03\/\" class=\"_self\" target=\"_self\" >T-1045-03<\/a><\/h4>\n<div class=\"pt-cv-content\">\u00a0 \u00a0 Sentencia T-1045\/03 \u00a0 ACCION DE TUTELA TEMERARIA-Se rechaza por improcedente por cuanto los fundamentos de las dos acciones interpuestas son los mismos \u00a0 La Sala concluye que en lo referente a la acusaci\u00f3n contra la sentencia de segunda instancia, los fundamentos de las dos acciones de tutela son los mismos. Por lo tanto, esta Sala rechazar\u00e1 por improcedente la presente acci\u00f3n de tutela en lo concerniente a las acusaciones contra la sentencia de segunda instancia del proceso ejecutivo bajo estudio.\u00a0 \u00a0 ACCION DE TUTELA TEMERARIA-No se presenta por cuanto cargo invocado en la tutela es diferente \u00a0 En ...<br \/><div class=\"pt-cv-rmwrap\"><a href=\"https:\/\/www.dmsjuridica.com\/buscador_20179478954\/corteconstitucionalcronologico202454587\/t-1045-03\/\" class=\"_self pt-cv-readmore btn btn-success\" target=\"_self\">Ver Sentencia Completa...<\/a><\/div><\/div><\/div><\/div>\n<div class=\"col-md-12 col-sm-12 col-xs-12 pt-cv-content-item pt-cv-1-col\" ><div class='pt-cv-ifield'><a href=\"https:\/\/www.dmsjuridica.com\/buscador_20179478954\/corteconstitucionalcronologico202454587\/t-1044-03\/\" class=\"_self pt-cv-href-thumbnail pt-cv-thumb-default\" target=\"_self\" ><\/a>\n<div class=\"pt-cv-taxoterm above_title\"><a href='https:\/\/www.dmsjuridica.com\/buscador_20179478954\/corteconstitucionalcronologico202454587\/category\/buscar-en-toda-la-corte\/2003\/tutelas-2003\/' title='Tutelas 2003' class='pt-cv-tax-tutelas-2003'>Tutelas 2003<\/a><\/div>\n<h4 class=\"pt-cv-title\"><a href=\"https:\/\/www.dmsjuridica.com\/buscador_20179478954\/corteconstitucionalcronologico202454587\/t-1044-03\/\" class=\"_self\" target=\"_self\" >T-1044-03<\/a><\/h4>\n<div class=\"pt-cv-content\">\u00a0 \u00a0 Sentencia T-1044\/03 \u00a0 INSTITUCION EDUCATIVA-Requisitos para imponer sanciones \u00a0 La Corte Constitucional ha sostenido de manera reiterada que los principios del derecho penal \u2013como forma paradigm\u00e1tica de control de la potestad punitiva\u2013 se aplican a todas las formas de actividad sancionadora, aunque con ciertos matices y algunas variantes que atienden a la especificidad de cada r\u00e9gimen. En consecuencia con lo anterior, \"la imposici\u00f3n de sanciones por parte de las instituciones universitarias, es una facultad que se encuentra sujeta a ciertos requisitos, necesarios para que su ejercicio sea compatible con la Constituci\u00f3n, a saber, entre otros: (i) que la ...<br \/><div class=\"pt-cv-rmwrap\"><a href=\"https:\/\/www.dmsjuridica.com\/buscador_20179478954\/corteconstitucionalcronologico202454587\/t-1044-03\/\" class=\"_self pt-cv-readmore btn btn-success\" target=\"_self\">Ver Sentencia Completa...<\/a><\/div><\/div><\/div><\/div>\n<div class=\"col-md-12 col-sm-12 col-xs-12 pt-cv-content-item pt-cv-1-col\" ><div class='pt-cv-ifield'><a href=\"https:\/\/www.dmsjuridica.com\/buscador_20179478954\/corteconstitucionalcronologico202454587\/t-1031-03\/\" class=\"_self pt-cv-href-thumbnail pt-cv-thumb-default\" target=\"_self\" ><\/a>\n<div class=\"pt-cv-taxoterm above_title\"><a href='https:\/\/www.dmsjuridica.com\/buscador_20179478954\/corteconstitucionalcronologico202454587\/category\/buscar-en-toda-la-corte\/2003\/tutelas-2003\/' title='Tutelas 2003' class='pt-cv-tax-tutelas-2003'>Tutelas 2003<\/a><\/div>\n<h4 class=\"pt-cv-title\"><a href=\"https:\/\/www.dmsjuridica.com\/buscador_20179478954\/corteconstitucionalcronologico202454587\/t-1031-03\/\" class=\"_self\" target=\"_self\" >T-1031-03<\/a><\/h4>\n<div class=\"pt-cv-content\">\u00a0 \u00a0 Sentencia T-1031\/03 \u00a0 ACCION DE NULIDAD Y RESTABLECIMIENTO DEL DERECHO-Suspensi\u00f3n de actos administrativos \u00a0 ACCION DE TUTELA Y ACCION CONTENCIOSO ADMINISTRATIVA-Alcance de la compatibilidad\/ACCION DE TUTELA Y SUSPENSI\u00d3N PROVISIONAL DE ACTO ADMINISTRATIVO-Alcance de la compatibilidad \u00a0 PERJUICIO IRREMEDIABLE-Elementos \u00a0 ACCION DE TUTELA TRANSITORIA-Exigencia de perjuicio irremediable \u00a0 FALLO DE RESPONSABILIDAD FISCAL-Trae como consecuencia la inclusi\u00f3n obligatoria en el bolet\u00edn de responsabilidad fiscal\/DERECHOS FUNDAMENTALES-No se vulneran por incluirse a la persona en el bolet\u00edn de responsabilidad fiscal \u00a0 CONTRALORIA GENERAL DE LA REPUBLICA-Potestad para investigar y sancionar a los responsables en juicios fiscales \u00a0 La Contralor\u00eda General de la ...<br \/><div class=\"pt-cv-rmwrap\"><a href=\"https:\/\/www.dmsjuridica.com\/buscador_20179478954\/corteconstitucionalcronologico202454587\/t-1031-03\/\" class=\"_self pt-cv-readmore btn btn-success\" target=\"_self\">Ver Sentencia Completa...<\/a><\/div><\/div><\/div><\/div>\n<div class=\"col-md-12 col-sm-12 col-xs-12 pt-cv-content-item pt-cv-1-col\" ><div class='pt-cv-ifield'><a href=\"https:\/\/www.dmsjuridica.com\/buscador_20179478954\/corteconstitucionalcronologico202454587\/t-1030-03\/\" class=\"_self pt-cv-href-thumbnail pt-cv-thumb-default\" target=\"_self\" ><\/a>\n<div class=\"pt-cv-taxoterm above_title\"><a href='https:\/\/www.dmsjuridica.com\/buscador_20179478954\/corteconstitucionalcronologico202454587\/category\/buscar-en-toda-la-corte\/2003\/tutelas-2003\/' title='Tutelas 2003' class='pt-cv-tax-tutelas-2003'>Tutelas 2003<\/a><\/div>\n<h4 class=\"pt-cv-title\"><a href=\"https:\/\/www.dmsjuridica.com\/buscador_20179478954\/corteconstitucionalcronologico202454587\/t-1030-03\/\" class=\"_self\" target=\"_self\" >T-1030-03<\/a><\/h4>\n<div class=\"pt-cv-content\">\u00a0 \u00a0 Sentencia T-1030\/03 \u00a0 ACCION DE TUTELA-Ausencia de vulneraci\u00f3n del debido proceso \u00a0 DERECHOS DEL INTERNO-Relaci\u00f3n especial de sujeci\u00f3n con el Estado \u00a0 ESTADO DE COSAS INCONSTITUCIONAL EN ESTABLECIMIENTO CARCELARIO \u00a0 DERECHOS FUNDAMENTALES DEL INTERNO-Avances normativos tanto nacionales como internacionales \u00a0 CARCEL Y PENITENCIARIA-Normas que regulan su funcionamiento \u00a0 CARCEL Y PENITENCIARIA DE ALTA SEGURIDAD-Condiciones que deben tenerse en cuenta para expedir su reglamento interno \u00a0 ESTABLECIMIENTO CARCELARIO-Tratos degradantes\/DERECHO A LA IDENTIDAD PERSONAL DEL INTERNO-Vulneraci\u00f3n por rapado de su cabeza\/REGLAMENTO INTERNO DE ESTABLECIMIENTO CARCELARIO-No contempla el proceso de rapado \u00a0 En el presente caso, la imposici\u00f3n de la medida ...<br \/><div class=\"pt-cv-rmwrap\"><a href=\"https:\/\/www.dmsjuridica.com\/buscador_20179478954\/corteconstitucionalcronologico202454587\/t-1030-03\/\" class=\"_self pt-cv-readmore btn btn-success\" target=\"_self\">Ver Sentencia Completa...<\/a><\/div><\/div><\/div><\/div>\n<div class=\"col-md-12 col-sm-12 col-xs-12 pt-cv-content-item pt-cv-1-col\" ><div class='pt-cv-ifield'><a href=\"https:\/\/www.dmsjuridica.com\/buscador_20179478954\/corteconstitucionalcronologico202454587\/t-1029-03\/\" class=\"_self pt-cv-href-thumbnail pt-cv-thumb-default\" target=\"_self\" ><\/a>\n<div class=\"pt-cv-taxoterm above_title\"><a href='https:\/\/www.dmsjuridica.com\/buscador_20179478954\/corteconstitucionalcronologico202454587\/category\/buscar-en-toda-la-corte\/2003\/tutelas-2003\/' title='Tutelas 2003' class='pt-cv-tax-tutelas-2003'>Tutelas 2003<\/a><\/div>\n<h4 class=\"pt-cv-title\"><a href=\"https:\/\/www.dmsjuridica.com\/buscador_20179478954\/corteconstitucionalcronologico202454587\/t-1029-03\/\" class=\"_self\" target=\"_self\" >T-1029-03<\/a><\/h4>\n<div class=\"pt-cv-content\">\u00a0 \u00a0 Sentencia T-1029\/03 \u00a0 DERECHO AL MINIMO VITAL DEL TRABAJADOR-Pago oportuno de salarios \u00a0 PARTIDA PRESUPUESTAL-Gesti\u00f3n y distribuci\u00f3n para pago oportuno de salarios \u00a0 ESTABLECIMIENTO HOSPITALARIO-Pago de salarios por afectaci\u00f3n del m\u00ednimo vital de la actora\u00a0\u00a0 \u00a0 Reiteraci\u00f3n de Jurisprudencia \u00a0 Referencia: expediente T-765071 \u00a0 Acci\u00f3n de tutela instaurada por Delia Mar\u00eda Botello Trillo contra la E.S.E. Hospital San Crist\u00f3bal de Ci\u00e9naga \u2013 Magdalena - \u00a0 Magistrado Ponente: \u00a0 Dr. ALVARO TAFUR GALVIS \u00a0 Bogot\u00e1 D. C., treinta (30) de octubre de dos mil tres (2003).\u00a0 \u00a0 La Sala Octava de Revisi\u00f3n de la Corte Constitucional, en ejercicio de ...<br \/><div class=\"pt-cv-rmwrap\"><a href=\"https:\/\/www.dmsjuridica.com\/buscador_20179478954\/corteconstitucionalcronologico202454587\/t-1029-03\/\" class=\"_self pt-cv-readmore btn btn-success\" target=\"_self\">Ver Sentencia Completa...<\/a><\/div><\/div><\/div><\/div>\n<div class=\"col-md-12 col-sm-12 col-xs-12 pt-cv-content-item pt-cv-1-col\" ><div class='pt-cv-ifield'><a href=\"https:\/\/www.dmsjuridica.com\/buscador_20179478954\/corteconstitucionalcronologico202454587\/t-1028-03\/\" class=\"_self pt-cv-href-thumbnail pt-cv-thumb-default\" target=\"_self\" ><\/a>\n<div class=\"pt-cv-taxoterm above_title\"><a href='https:\/\/www.dmsjuridica.com\/buscador_20179478954\/corteconstitucionalcronologico202454587\/category\/buscar-en-toda-la-corte\/2003\/tutelas-2003\/' title='Tutelas 2003' class='pt-cv-tax-tutelas-2003'>Tutelas 2003<\/a><\/div>\n<h4 class=\"pt-cv-title\"><a href=\"https:\/\/www.dmsjuridica.com\/buscador_20179478954\/corteconstitucionalcronologico202454587\/t-1028-03\/\" class=\"_self\" target=\"_self\" >T-1028-03<\/a><\/h4>\n<div class=\"pt-cv-content\">\u00a0 \u00a0 Sentencia T-1028\/03 \u00a0 CONCEJO MUNICIPAL-Debe sesionar en su sede oficial salvo alteraci\u00f3n del orden p\u00fablico \u00a0 La regla general es que los Concejos deben sesionar en su sede oficial, a menos que exista alteraci\u00f3n del orden p\u00fablico. La \u00fanica medida que se declar\u00f3 exequible en virtud de que con ella se contrarrestaba la situaci\u00f3n de orden p\u00fablico y no se contrariaba la Constituci\u00f3n fue la de autorizar las reuniones no presenciales de los Concejos cuando la situaci\u00f3n de orden p\u00fablico no permitiera sesionar en la sede oficial, utilizando para el efecto los avances de la tecnolog\u00eda en materia ...<br \/><div class=\"pt-cv-rmwrap\"><a href=\"https:\/\/www.dmsjuridica.com\/buscador_20179478954\/corteconstitucionalcronologico202454587\/t-1028-03\/\" class=\"_self pt-cv-readmore btn btn-success\" target=\"_self\">Ver Sentencia Completa...<\/a><\/div><\/div><\/div><\/div>\n<div class=\"col-md-12 col-sm-12 col-xs-12 pt-cv-content-item pt-cv-1-col\" ><div class='pt-cv-ifield'><a href=\"https:\/\/www.dmsjuridica.com\/buscador_20179478954\/corteconstitucionalcronologico202454587\/t-1027-03\/\" class=\"_self pt-cv-href-thumbnail pt-cv-thumb-default\" target=\"_self\" ><\/a>\n<div class=\"pt-cv-taxoterm above_title\"><a href='https:\/\/www.dmsjuridica.com\/buscador_20179478954\/corteconstitucionalcronologico202454587\/category\/buscar-en-toda-la-corte\/2003\/tutelas-2003\/' title='Tutelas 2003' class='pt-cv-tax-tutelas-2003'>Tutelas 2003<\/a><\/div>\n<h4 class=\"pt-cv-title\"><a href=\"https:\/\/www.dmsjuridica.com\/buscador_20179478954\/corteconstitucionalcronologico202454587\/t-1027-03\/\" class=\"_self\" target=\"_self\" >T-1027-03<\/a><\/h4>\n<div class=\"pt-cv-content\">\u00a0 \u00a0 Sentencia T-1027\/03 \u00a0 DERECHO DE PROPIEDAD-No es absoluto \u00a0 DERECHO A LA VIVIENDA DIGNA-Demolici\u00f3n de vivienda de persona desplazada por la violencia \u00a0 DEBIDO PROCESO-Vulneraci\u00f3n por no notificarse a la actora las gestiones previas a la demolici\u00f3n de su vivienda \u00a0 Existe vulneraci\u00f3n del derecho fundamental al debido proceso, por cuanto la administraci\u00f3n demandada, no acredit\u00f3 que antes de proceder a demoler la vivienda hubiera realizado alguna notificaci\u00f3n a la actora, o a quienes considere como propietarios del inmueble, tampoco se\u00f1al\u00f3 espec\u00edficamente cuales fueron las actuaciones adelantadas antes de tomar esa decisi\u00f3n y si la demandante o quienes ...<br \/><div class=\"pt-cv-rmwrap\"><a href=\"https:\/\/www.dmsjuridica.com\/buscador_20179478954\/corteconstitucionalcronologico202454587\/t-1027-03\/\" class=\"_self pt-cv-readmore btn btn-success\" target=\"_self\">Ver Sentencia Completa...<\/a><\/div><\/div><\/div><\/div>\n<div class=\"col-md-12 col-sm-12 col-xs-12 pt-cv-content-item pt-cv-1-col\" ><div class='pt-cv-ifield'><a href=\"https:\/\/www.dmsjuridica.com\/buscador_20179478954\/corteconstitucionalcronologico202454587\/t-1026-03\/\" class=\"_self pt-cv-href-thumbnail pt-cv-thumb-default\" target=\"_self\" ><\/a>\n<div class=\"pt-cv-taxoterm above_title\"><a href='https:\/\/www.dmsjuridica.com\/buscador_20179478954\/corteconstitucionalcronologico202454587\/category\/buscar-en-toda-la-corte\/2003\/tutelas-2003\/' title='Tutelas 2003' class='pt-cv-tax-tutelas-2003'>Tutelas 2003<\/a><\/div>\n<h4 class=\"pt-cv-title\"><a href=\"https:\/\/www.dmsjuridica.com\/buscador_20179478954\/corteconstitucionalcronologico202454587\/t-1026-03\/\" class=\"_self\" target=\"_self\" >T-1026-03<\/a><\/h4>\n<div class=\"pt-cv-content\">\u00a0 \u00a0 Sentencia T-1026\/03 \u00a0 ACCION DE TUTELA CONTRA PROVIDENCIAS JUDICIALES-Procedencia excepcional por v\u00eda de hecho judicial \u00a0 VIA DE HECHO-Defecto f\u00e1ctico \u00a0 VIA DE HECHO-Clases de defectos f\u00e1cticos \u00a0 VIA DE HECHO-Inexistencia por cuanto la decisi\u00f3n adoptada se bas\u00f3 en fundamentos razonables y objetivos \u00a0 La valoraci\u00f3n que esa entidad realiz\u00f3 en relaci\u00f3n con el contrato de promesa de compraventa contrario a lo afirmado por el apoderado del demandante, no resulta irrazonable ni arbitraria y, por ende, no vulnera el debido proceso del actor. Puede no compartirse la decisi\u00f3n adoptada, pero eso no la hace constitutiva de una v\u00eda ...<br \/><div class=\"pt-cv-rmwrap\"><a href=\"https:\/\/www.dmsjuridica.com\/buscador_20179478954\/corteconstitucionalcronologico202454587\/t-1026-03\/\" class=\"_self pt-cv-readmore btn btn-success\" target=\"_self\">Ver Sentencia Completa...<\/a><\/div><\/div><\/div><\/div>\n<div class=\"col-md-12 col-sm-12 col-xs-12 pt-cv-content-item pt-cv-1-col\" ><div class='pt-cv-ifield'><a href=\"https:\/\/www.dmsjuridica.com\/buscador_20179478954\/corteconstitucionalcronologico202454587\/t-1025-03\/\" class=\"_self pt-cv-href-thumbnail pt-cv-thumb-default\" target=\"_self\" ><\/a>\n<div class=\"pt-cv-taxoterm above_title\"><a href='https:\/\/www.dmsjuridica.com\/buscador_20179478954\/corteconstitucionalcronologico202454587\/category\/buscar-en-toda-la-corte\/2003\/tutelas-2003\/' title='Tutelas 2003' class='pt-cv-tax-tutelas-2003'>Tutelas 2003<\/a><\/div>\n<h4 class=\"pt-cv-title\"><a href=\"https:\/\/www.dmsjuridica.com\/buscador_20179478954\/corteconstitucionalcronologico202454587\/t-1025-03\/\" class=\"_self\" target=\"_self\" >T-1025-03<\/a><\/h4>\n<div class=\"pt-cv-content\">\u00a0 \u00a0 DERECHO A LA SALUD DEL INTERNO-No vulneraci\u00f3n por cuanto se est\u00e1 suministrando la atenci\u00f3n m\u00e9dica requerida\/ESTABLECIMIENTO CARCELARIO-Pr\u00e1ctica oportuna de cirug\u00eda si los especialistas as\u00ed lo determinan \u00a0 Al actor no se le ha vulnerado el derecho a la salud, dado que se le ha suministrado la atenci\u00f3n m\u00e9dica que ha requerido y los medicamentos formulados. La prevenci\u00f3n del Juez al Establecimiento demandado, en el sentido de que si los especialistas determinan la necesidad para la salud del actor de realizar tal intervenci\u00f3n, \u00e9sta debe realizarse en forma oportuna, resulta acertada. \u00a0 Referencia: expediente T-775345 \u00a0 Acci\u00f3n de tutela ...<br \/><div class=\"pt-cv-rmwrap\"><a href=\"https:\/\/www.dmsjuridica.com\/buscador_20179478954\/corteconstitucionalcronologico202454587\/t-1025-03\/\" class=\"_self pt-cv-readmore btn btn-success\" target=\"_self\">Ver Sentencia Completa...<\/a><\/div><\/div><\/div><\/div>\n<div class=\"col-md-12 col-sm-12 col-xs-12 pt-cv-content-item pt-cv-1-col\" ><div class='pt-cv-ifield'><a href=\"https:\/\/www.dmsjuridica.com\/buscador_20179478954\/corteconstitucionalcronologico202454587\/t-1024-03\/\" class=\"_self pt-cv-href-thumbnail pt-cv-thumb-default\" target=\"_self\" ><\/a>\n<div class=\"pt-cv-taxoterm above_title\"><a href='https:\/\/www.dmsjuridica.com\/buscador_20179478954\/corteconstitucionalcronologico202454587\/category\/buscar-en-toda-la-corte\/2003\/tutelas-2003\/' title='Tutelas 2003' class='pt-cv-tax-tutelas-2003'>Tutelas 2003<\/a><\/div>\n<h4 class=\"pt-cv-title\"><a href=\"https:\/\/www.dmsjuridica.com\/buscador_20179478954\/corteconstitucionalcronologico202454587\/t-1024-03\/\" class=\"_self\" target=\"_self\" >T-1024-03<\/a><\/h4>\n<div class=\"pt-cv-content\">\u00a0 \u00a0 Sentencia T-1024\/03 \u00a0 DERECHO A LA SALUD-Conexidad con la vida \u00a0 DERECHO A LA VIDA-Vulneraci\u00f3n por no realizarse examen de diagn\u00f3stico para detectar enfermedad y determinarse el tratamiento \u00a0 Al negarse la realizaci\u00f3n de un examen de diagn\u00f3stico que ayudar\u00eda a detectar la enfermedad que padece el paciente con mayor precisi\u00f3n para as\u00ed determinar el tratamiento necesario a seguir, se est\u00e1 poniendo en peligro el derecho fundamental a la vida, ya que este derecho no consiste en la simple existencia biol\u00f3gica, sino que implica tambi\u00e9n, la posibilidad de que el individuo lleve una vida en condiciones dignas a ...<br \/><div class=\"pt-cv-rmwrap\"><a href=\"https:\/\/www.dmsjuridica.com\/buscador_20179478954\/corteconstitucionalcronologico202454587\/t-1024-03\/\" class=\"_self pt-cv-readmore btn btn-success\" target=\"_self\">Ver Sentencia Completa...<\/a><\/div><\/div><\/div><\/div>\n<div class=\"col-md-12 col-sm-12 col-xs-12 pt-cv-content-item pt-cv-1-col\" ><div class='pt-cv-ifield'><a href=\"https:\/\/www.dmsjuridica.com\/buscador_20179478954\/corteconstitucionalcronologico202454587\/t-1023-03\/\" class=\"_self pt-cv-href-thumbnail pt-cv-thumb-default\" target=\"_self\" ><\/a>\n<div class=\"pt-cv-taxoterm above_title\"><a href='https:\/\/www.dmsjuridica.com\/buscador_20179478954\/corteconstitucionalcronologico202454587\/category\/buscar-en-toda-la-corte\/2003\/tutelas-2003\/' title='Tutelas 2003' class='pt-cv-tax-tutelas-2003'>Tutelas 2003<\/a><\/div>\n<h4 class=\"pt-cv-title\"><a href=\"https:\/\/www.dmsjuridica.com\/buscador_20179478954\/corteconstitucionalcronologico202454587\/t-1023-03\/\" class=\"_self\" target=\"_self\" >T-1023-03<\/a><\/h4>\n<div class=\"pt-cv-content\">\u00a0 \u00a0 Sentencia T-1023\/03 \u00a0 EMPLEADOR-Situaci\u00f3n econ\u00f3mica o presupuestal no es \u00f3bice para desconocer obligaciones laborales \u00a0 ESTABLECIMIENTO HOSPITALARIO-Mora en pago de salarios y prestaciones sociales \u00a0 DERECHO AL MINIMO VITAL DEL TRABAJADOR-No se vulnera por tratarse de salarios atrasados\/ACCION DE TUTELA-Inmediatez \u00a0 \u00a0 Aunque existe mora en el pago de los salarios por parte de la entidad demandada, no pude considerarse que se est\u00e1 afectando el m\u00ednimo vital de los trabajadores por cuanto se reclaman salarios atrasados que si bien pudieron generar dificultades econ\u00f3micas, han podido ser de una u otra forma superadas. Igualmente, los demandantes para reclamar los ...<br \/><div class=\"pt-cv-rmwrap\"><a href=\"https:\/\/www.dmsjuridica.com\/buscador_20179478954\/corteconstitucionalcronologico202454587\/t-1023-03\/\" class=\"_self pt-cv-readmore btn btn-success\" target=\"_self\">Ver Sentencia Completa...<\/a><\/div><\/div><\/div><\/div>\n<div class=\"col-md-12 col-sm-12 col-xs-12 pt-cv-content-item pt-cv-1-col\" ><div class='pt-cv-ifield'><a href=\"https:\/\/www.dmsjuridica.com\/buscador_20179478954\/corteconstitucionalcronologico202454587\/t-1021-03\/\" class=\"_self pt-cv-href-thumbnail pt-cv-thumb-default\" target=\"_self\" ><\/a>\n<div class=\"pt-cv-taxoterm above_title\"><a href='https:\/\/www.dmsjuridica.com\/buscador_20179478954\/corteconstitucionalcronologico202454587\/category\/buscar-en-toda-la-corte\/2003\/tutelas-2003\/' title='Tutelas 2003' class='pt-cv-tax-tutelas-2003'>Tutelas 2003<\/a><\/div>\n<h4 class=\"pt-cv-title\"><a href=\"https:\/\/www.dmsjuridica.com\/buscador_20179478954\/corteconstitucionalcronologico202454587\/t-1021-03\/\" class=\"_self\" target=\"_self\" >T-1021-03<\/a><\/h4>\n<div class=\"pt-cv-content\">\u00a0 \u00a0 Sentencia T-1021\/03 \u00a0 SISTEMA GENERAL DE SALUD-Cargos y cuotas moderadoras \u00a0 La estipulaci\u00f3n de cuotas moderadoras, los pagos compartidos (copagos), las cuotas de recuperaci\u00f3n, los periodos m\u00ednimos de cotizaci\u00f3n y la fijaci\u00f3n de planes obligatorios de salud y manuales de procedimientos e intervenciones tanto para el r\u00e9gimen subsidiado como el contributivo-, resulta ajustada a los postulados constitucionales. De manera general, la asunci\u00f3n por parte de los usuarios de los pagos adicionales al sistema de salud es obligatoria, de acuerdo con las condiciones y requisitos consagrados en la ley, los que, en todos los casos, deber\u00e1n responder a criterios ...<br \/><div class=\"pt-cv-rmwrap\"><a href=\"https:\/\/www.dmsjuridica.com\/buscador_20179478954\/corteconstitucionalcronologico202454587\/t-1021-03\/\" class=\"_self pt-cv-readmore btn btn-success\" target=\"_self\">Ver Sentencia Completa...<\/a><\/div><\/div><\/div><\/div>\n<div class=\"col-md-12 col-sm-12 col-xs-12 pt-cv-content-item pt-cv-1-col\" ><div class='pt-cv-ifield'><a href=\"https:\/\/www.dmsjuridica.com\/buscador_20179478954\/corteconstitucionalcronologico202454587\/t-1020-03\/\" class=\"_self pt-cv-href-thumbnail pt-cv-thumb-default\" target=\"_self\" ><\/a>\n<div class=\"pt-cv-taxoterm above_title\"><a href='https:\/\/www.dmsjuridica.com\/buscador_20179478954\/corteconstitucionalcronologico202454587\/category\/buscar-en-toda-la-corte\/2003\/tutelas-2003\/' title='Tutelas 2003' class='pt-cv-tax-tutelas-2003'>Tutelas 2003<\/a><\/div>\n<h4 class=\"pt-cv-title\"><a href=\"https:\/\/www.dmsjuridica.com\/buscador_20179478954\/corteconstitucionalcronologico202454587\/t-1020-03\/\" class=\"_self\" target=\"_self\" >T-1020-03<\/a><\/h4>\n<div class=\"pt-cv-content\">\u00a0 \u00a0 Sentencia T-1020\/03 \u00a0 ACCION DE TUTELA-Subsidiariedad\/ACCION DE TUTELA-Inmediatez \u00a0 ACCION DE TUTELA-Informalidad \u00a0 ACCION DE TUTELA-Representaci\u00f3n para interponerla cuando no se ejerce directamente \u00a0 AGENCIA OFICIOSA EN TUTELA-Alcance \u00a0 ESTUDIANTE DE CONSULTORIO JURIDICO-No puede actuar como apoderado dentro de acciones de tutela \u00a0 El art\u00edculo 30 del Decreto 196 de 1971, tal como fue modificado por el art\u00edculo 1 de la Ley 583 de 2000, y que se\u00f1ala los asuntos en los cuales los estudiantes de consultorios jur\u00eddicos pueden litigar en causa ajena, no contempla la posibilidad de que ellos puedan actuar como apoderados dentro de acciones de ...<br \/><div class=\"pt-cv-rmwrap\"><a href=\"https:\/\/www.dmsjuridica.com\/buscador_20179478954\/corteconstitucionalcronologico202454587\/t-1020-03\/\" class=\"_self pt-cv-readmore btn btn-success\" target=\"_self\">Ver Sentencia Completa...<\/a><\/div><\/div><\/div><\/div>\n<div class=\"col-md-12 col-sm-12 col-xs-12 pt-cv-content-item pt-cv-1-col\" ><div class='pt-cv-ifield'><a href=\"https:\/\/www.dmsjuridica.com\/buscador_20179478954\/corteconstitucionalcronologico202454587\/t-1019-03\/\" class=\"_self pt-cv-href-thumbnail pt-cv-thumb-default\" target=\"_self\" ><\/a>\n<div class=\"pt-cv-taxoterm above_title\"><a href='https:\/\/www.dmsjuridica.com\/buscador_20179478954\/corteconstitucionalcronologico202454587\/category\/buscar-en-toda-la-corte\/2003\/tutelas-2003\/' title='Tutelas 2003' class='pt-cv-tax-tutelas-2003'>Tutelas 2003<\/a><\/div>\n<h4 class=\"pt-cv-title\"><a href=\"https:\/\/www.dmsjuridica.com\/buscador_20179478954\/corteconstitucionalcronologico202454587\/t-1019-03\/\" class=\"_self\" target=\"_self\" >T-1019-03<\/a><\/h4>\n<div class=\"pt-cv-content\">\u00a0 \u00a0 Sentencia T-1019\/03 \u00a0 DERECHOS FUNDAMENTALES DEL NI\u00d1O-Prevalencia \u00a0 INTERES SUPERIOR DEL MENOR-Protecci\u00f3n \u00a0 DERECHO A LA VIDA DIGNA DE MENOR DISCAPACITADO-Omisi\u00f3n en realizar cirug\u00eda de alargamiento de pierna \u00a0 La omisi\u00f3n de un procedimiento quir\u00fargico en un ni\u00f1o con una discapacidad como la descrita, afecta su calidad de vida futura y su dignidad como ser humano, ya que le impide superar o al menos mitigar con prontitud, las circunstancias que debe afrontar en la cotidianidad a causa de su padecimiento. Al ser el procedimiento que requiere el menor una medida destinada a reducir los efectos de la discapacidad ...<br \/><div class=\"pt-cv-rmwrap\"><a href=\"https:\/\/www.dmsjuridica.com\/buscador_20179478954\/corteconstitucionalcronologico202454587\/t-1019-03\/\" class=\"_self pt-cv-readmore btn btn-success\" target=\"_self\">Ver Sentencia Completa...<\/a><\/div><\/div><\/div><\/div>\n<div class=\"col-md-12 col-sm-12 col-xs-12 pt-cv-content-item pt-cv-1-col\" ><div class='pt-cv-ifield'><a href=\"https:\/\/www.dmsjuridica.com\/buscador_20179478954\/corteconstitucionalcronologico202454587\/t-1018-03\/\" class=\"_self pt-cv-href-thumbnail pt-cv-thumb-default\" target=\"_self\" ><\/a>\n<div class=\"pt-cv-taxoterm above_title\"><a href='https:\/\/www.dmsjuridica.com\/buscador_20179478954\/corteconstitucionalcronologico202454587\/category\/buscar-en-toda-la-corte\/2003\/tutelas-2003\/' title='Tutelas 2003' class='pt-cv-tax-tutelas-2003'>Tutelas 2003<\/a><\/div>\n<h4 class=\"pt-cv-title\"><a href=\"https:\/\/www.dmsjuridica.com\/buscador_20179478954\/corteconstitucionalcronologico202454587\/t-1018-03\/\" class=\"_self\" target=\"_self\" >T-1018-03<\/a><\/h4>\n<div class=\"pt-cv-content\">\u00a0 \u00a0 Sentencia T-1018\/03 \u00a0 DERECHO DE PETICION EN MATERIA PENSIONAL-T\u00e9rminos para resolver \u00a0 DERECHO DE PETICION PARA RESOLVER SOLICITUD DE PENSIONES-T\u00e9rmino de cuatro meses \u00a0 DERECHO DE PETICION PARA RECONOCIMIENTO Y PAGO DE PENSIONES-T\u00e9rmino de seis meses \u00a0 DERECHO DE PETICION EN MATERIA PENSIONAL-T\u00e9rmino de quince d\u00edas para estado del tr\u00e1mite o copias de documentos \u00a0 \u00a0 Reiteraci\u00f3n de Jurisprudencia \u00a0 Referencia: expediente T-761677 \u00a0 Acci\u00f3n de tutela de Jos\u00e9 Andr\u00e9s Ram\u00edrez Vanegas contra el Seguro Social \u00a0 Magistrado Ponente: \u00a0 Dr. JAIME C\u00d3RDOBA TRIVI\u00d1O \u00a0 Bogot\u00e1, D. C., treinta (30) \u00a0de octubre de dos mil tres \u00a0(2003).\u00a0 \u00a0 ...<br \/><div class=\"pt-cv-rmwrap\"><a href=\"https:\/\/www.dmsjuridica.com\/buscador_20179478954\/corteconstitucionalcronologico202454587\/t-1018-03\/\" class=\"_self pt-cv-readmore btn btn-success\" target=\"_self\">Ver Sentencia Completa...<\/a><\/div><\/div><\/div><\/div>\n<div class=\"col-md-12 col-sm-12 col-xs-12 pt-cv-content-item pt-cv-1-col\" ><div class='pt-cv-ifield'><a href=\"https:\/\/www.dmsjuridica.com\/buscador_20179478954\/corteconstitucionalcronologico202454587\/t-1016-03\/\" class=\"_self pt-cv-href-thumbnail pt-cv-thumb-default\" target=\"_self\" ><\/a>\n<div class=\"pt-cv-taxoterm above_title\"><a href='https:\/\/www.dmsjuridica.com\/buscador_20179478954\/corteconstitucionalcronologico202454587\/category\/buscar-en-toda-la-corte\/2003\/tutelas-2003\/' title='Tutelas 2003' class='pt-cv-tax-tutelas-2003'>Tutelas 2003<\/a><\/div>\n<h4 class=\"pt-cv-title\"><a href=\"https:\/\/www.dmsjuridica.com\/buscador_20179478954\/corteconstitucionalcronologico202454587\/t-1016-03\/\" class=\"_self\" target=\"_self\" >T-1016-03<\/a><\/h4>\n<div class=\"pt-cv-content\">\u00a0 \u00a0 Sentencia T-1016\/03 \u00a0 TERCERO DE BUENA FE EN CONCURSO DE MERITOS-Protecci\u00f3n de derechos\/TERCERO DE BUENA FE EN CONCURSO DE MERITOS-Reubicaci\u00f3n en un cargo igual o superior \u00a0 PRECEDENTE JURISPRUDENCIAL-Desconocimiento\u00a0 \u00a0 Ante la existencia de un precedente, claramente aplicable al caso concreto, no pod\u00eda la Sala de Conjueces de la Sala Civil y Agraria de la Corte Suprema de Justicia apartarse de \u00e9ste. No sobra recordar que, en materia constitucional, la jurisprudencia de la Corte Constitucional es obligatoria para todos los jueces y tribunales del pa\u00eds y que la separaci\u00f3n s\u00f3lo se autoriza cuando es posible, a partir de ...<br \/><div class=\"pt-cv-rmwrap\"><a href=\"https:\/\/www.dmsjuridica.com\/buscador_20179478954\/corteconstitucionalcronologico202454587\/t-1016-03\/\" class=\"_self pt-cv-readmore btn btn-success\" target=\"_self\">Ver Sentencia Completa...<\/a><\/div><\/div><\/div><\/div>\n<div class=\"col-md-12 col-sm-12 col-xs-12 pt-cv-content-item pt-cv-1-col\" ><div class='pt-cv-ifield'><a href=\"https:\/\/www.dmsjuridica.com\/buscador_20179478954\/corteconstitucionalcronologico202454587\/t-1015-03\/\" class=\"_self pt-cv-href-thumbnail pt-cv-thumb-default\" target=\"_self\" ><\/a>\n<div class=\"pt-cv-taxoterm above_title\"><a href='https:\/\/www.dmsjuridica.com\/buscador_20179478954\/corteconstitucionalcronologico202454587\/category\/buscar-en-toda-la-corte\/2003\/tutelas-2003\/' title='Tutelas 2003' class='pt-cv-tax-tutelas-2003'>Tutelas 2003<\/a><\/div>\n<h4 class=\"pt-cv-title\"><a href=\"https:\/\/www.dmsjuridica.com\/buscador_20179478954\/corteconstitucionalcronologico202454587\/t-1015-03\/\" class=\"_self\" target=\"_self\" >T-1015-03<\/a><\/h4>\n<div class=\"pt-cv-content\">\u00a0 \u00a0 Sentencia T-1015\/03 \u00a0 INAPLICACION DE NORMAS DEL PLAN OBLIGATORIO DE SALUD-Condiciones en que procede por exclusi\u00f3n de tratamientos y medicamentos de alto costo \u00a0 DERECHO A LA SALUD-Incorpora el derecho al diagn\u00f3stico \u00a0 ENTIDAD PROMOTORA DE SALUD-Atenci\u00f3n a enfermo de Sida sin cumplir periodo m\u00ednimo de cotizaci\u00f3n en persona de escasos recursos \u00a0 ENTIDAD PROMOTORA DE SALUD-Realizaci\u00f3n examen de carga viral y hepatitis C a enfermo de Sida\/ENTIDAD PROMOTORA DE SALUD-Repetici\u00f3n contra el Fosyga \u00a0 Referencia: expediente T-766271 \u00a0 Acci\u00f3n de tutela instaurada por Jairo M\u00e9ndez Ortiz contra Salud Total E.P.S. \u00a0 Magistrado ponente: \u00a0 Dr. EDUARDO MONTEALEGRE ...<br \/><div class=\"pt-cv-rmwrap\"><a href=\"https:\/\/www.dmsjuridica.com\/buscador_20179478954\/corteconstitucionalcronologico202454587\/t-1015-03\/\" class=\"_self pt-cv-readmore btn btn-success\" target=\"_self\">Ver Sentencia Completa...<\/a><\/div><\/div><\/div><\/div>\n<div class=\"col-md-12 col-sm-12 col-xs-12 pt-cv-content-item pt-cv-1-col\" ><div class='pt-cv-ifield'><a href=\"https:\/\/www.dmsjuridica.com\/buscador_20179478954\/corteconstitucionalcronologico202454587\/t-1014-03\/\" class=\"_self pt-cv-href-thumbnail pt-cv-thumb-default\" target=\"_self\" ><\/a>\n<div class=\"pt-cv-taxoterm above_title\"><a href='https:\/\/www.dmsjuridica.com\/buscador_20179478954\/corteconstitucionalcronologico202454587\/category\/buscar-en-toda-la-corte\/2003\/tutelas-2003\/' title='Tutelas 2003' class='pt-cv-tax-tutelas-2003'>Tutelas 2003<\/a><\/div>\n<h4 class=\"pt-cv-title\"><a href=\"https:\/\/www.dmsjuridica.com\/buscador_20179478954\/corteconstitucionalcronologico202454587\/t-1014-03\/\" class=\"_self\" target=\"_self\" >T-1014-03<\/a><\/h4>\n<div class=\"pt-cv-content\">\u00a0 \u00a0 Sentencia T-1014\/03 \u00a0 LICENCIA DE MATERNIDAD-Fundamental por conexidad \u00a0 LICENCIA DE MATERNIDAD-Pago por tutela cuando afecta el m\u00ednimo vital de la madre y su hijo \u00a0 DERECHO DE PETICION-Se present\u00f3 solicitud a tiempo a la EPS para pago de licencia de maternidad \u00a0 LICENCIA DE MATERNIDAD-Plazo de 84 d\u00edas para reclamo por tutela no debe ser tan \u00a0perentorio \u00a0 LICENCIA DE MATERNIDAD-Pago por tutela cuando afecta el m\u00ednimo vital de la madre y su hijo \u00a0 LICENCIA DE MATERNIDAD-Pago por allanamiento a la mora por EPS \u00a0 LICENCIA DE MATERNIDAD-Ampliaci\u00f3n del t\u00e9rmino al primer a\u00f1o de vida del ...<br \/><div class=\"pt-cv-rmwrap\"><a href=\"https:\/\/www.dmsjuridica.com\/buscador_20179478954\/corteconstitucionalcronologico202454587\/t-1014-03\/\" class=\"_self pt-cv-readmore btn btn-success\" target=\"_self\">Ver Sentencia Completa...<\/a><\/div><\/div><\/div><\/div>\n<div class=\"col-md-12 col-sm-12 col-xs-12 pt-cv-content-item pt-cv-1-col\" ><div class='pt-cv-ifield'><a href=\"https:\/\/www.dmsjuridica.com\/buscador_20179478954\/corteconstitucionalcronologico202454587\/t-1013-03\/\" class=\"_self pt-cv-href-thumbnail pt-cv-thumb-default\" target=\"_self\" ><\/a>\n<div class=\"pt-cv-taxoterm above_title\"><a href='https:\/\/www.dmsjuridica.com\/buscador_20179478954\/corteconstitucionalcronologico202454587\/category\/buscar-en-toda-la-corte\/2003\/tutelas-2003\/' title='Tutelas 2003' class='pt-cv-tax-tutelas-2003'>Tutelas 2003<\/a><\/div>\n<h4 class=\"pt-cv-title\"><a href=\"https:\/\/www.dmsjuridica.com\/buscador_20179478954\/corteconstitucionalcronologico202454587\/t-1013-03\/\" class=\"_self\" target=\"_self\" >T-1013-03<\/a><\/h4>\n<div class=\"pt-cv-content\">\u00a0 \u00a0 Sentencia T-1013\/03 \u00a0 DERECHO DE PETICION EN MATERIA PENSIONAL-T\u00e9rminos para resolver \u00a0 DERECHO DE PETICION-Inobservancia del t\u00e9rmino de cuatro meses para resolver\u00a0 \u00a0 DERECHO DE PETICION-Resoluci\u00f3n de fondo por Cajanal sobre reconocimiento y pago de pensi\u00f3n de vejez \u00a0 Acci\u00f3n de tutela instaurada por Egidio D\u00edaz Aristiz\u00e1bal contra Cajanal EPS \u00a0 Magistrado ponente: \u00a0 Dr. EDUARDO MONTEALEGRE LYNETT. \u00a0 Bogot\u00e1 D. C., veintinueve (29) de octubre de dos mil tres (2003). \u00a0 La Sala S\u00e9ptima de Revisi\u00f3n de la Corte Constitucional integrada por los magistrados Clara In\u00e9s Vargas Hern\u00e1ndez, \u00c1lvaro Tafur Galvis y Eduardo Montealegre Lynett, quien la ...<br \/><div class=\"pt-cv-rmwrap\"><a href=\"https:\/\/www.dmsjuridica.com\/buscador_20179478954\/corteconstitucionalcronologico202454587\/t-1013-03\/\" class=\"_self pt-cv-readmore btn btn-success\" target=\"_self\">Ver Sentencia Completa...<\/a><\/div><\/div><\/div><\/div>\n<div class=\"col-md-12 col-sm-12 col-xs-12 pt-cv-content-item pt-cv-1-col\" ><div class='pt-cv-ifield'><a href=\"https:\/\/www.dmsjuridica.com\/buscador_20179478954\/corteconstitucionalcronologico202454587\/t-1012-03\/\" class=\"_self pt-cv-href-thumbnail pt-cv-thumb-default\" target=\"_self\" ><\/a>\n<div class=\"pt-cv-taxoterm above_title\"><a href='https:\/\/www.dmsjuridica.com\/buscador_20179478954\/corteconstitucionalcronologico202454587\/category\/buscar-en-toda-la-corte\/2003\/tutelas-2003\/' title='Tutelas 2003' class='pt-cv-tax-tutelas-2003'>Tutelas 2003<\/a><\/div>\n<h4 class=\"pt-cv-title\"><a href=\"https:\/\/www.dmsjuridica.com\/buscador_20179478954\/corteconstitucionalcronologico202454587\/t-1012-03\/\" class=\"_self\" target=\"_self\" >T-1012-03<\/a><\/h4>\n<div class=\"pt-cv-content\">\u00a0 \u00a0 Sentencia T-1012\/03 \u00a0 ACCION DE TUTELA-Subsidiariedad \u00a0 MEDIO DE DEFENSA JUDICIAL EFICAZ-Improcedencia de tutela\/MEDIO DE DEFENSA JUDICIAL-Pago de remuneraci\u00f3n\u00a0 \u00a0 DERECHO A LA IGUALDAD-Justificaci\u00f3n de trato diferente \u00a0 Referencia: expediente T-764971 \u00a0 Acci\u00f3n de Tutela de Rubio Contreras Jos\u00e9 Heliodoro contra la Direcci\u00f3n General Administrativa del Senado de la Rep\u00fablica. \u00a0 Magistrado Ponente: \u00a0 Dr. EDUARDO MONTEALEGRE LYNETT \u00a0 Bogot\u00e1, D. C., veintinueve (29) de Octubre de dos mil tres (2003). \u00a0 La Sala S\u00e9ptima de Revisi\u00f3n de la Corte Constitucional, integrada por los Magistrados Clara In\u00e9s Vargas Hern\u00e1ndez, \u00c1lvaro Tafur Galvis y Eduardo Montealegre Lynett, quien la ...<br \/><div class=\"pt-cv-rmwrap\"><a href=\"https:\/\/www.dmsjuridica.com\/buscador_20179478954\/corteconstitucionalcronologico202454587\/t-1012-03\/\" class=\"_self pt-cv-readmore btn btn-success\" target=\"_self\">Ver Sentencia Completa...<\/a><\/div><\/div><\/div><\/div>\n<div class=\"col-md-12 col-sm-12 col-xs-12 pt-cv-content-item pt-cv-1-col\" ><div class='pt-cv-ifield'><a href=\"https:\/\/www.dmsjuridica.com\/buscador_20179478954\/corteconstitucionalcronologico202454587\/t-1011-03\/\" class=\"_self pt-cv-href-thumbnail pt-cv-thumb-default\" target=\"_self\" ><\/a>\n<div class=\"pt-cv-taxoterm above_title\"><a href='https:\/\/www.dmsjuridica.com\/buscador_20179478954\/corteconstitucionalcronologico202454587\/category\/buscar-en-toda-la-corte\/2003\/tutelas-2003\/' title='Tutelas 2003' class='pt-cv-tax-tutelas-2003'>Tutelas 2003<\/a><\/div>\n<h4 class=\"pt-cv-title\"><a href=\"https:\/\/www.dmsjuridica.com\/buscador_20179478954\/corteconstitucionalcronologico202454587\/t-1011-03\/\" class=\"_self\" target=\"_self\" >T-1011-03<\/a><\/h4>\n<div class=\"pt-cv-content\">\u00a0 \u00a0 Sentencia T-1011\/03 \u00a0 \u00a0 \u00a0 NOMBRAMIENTO EN PROVISIONALIDAD-Alcance \u00a0 Es com\u00fan dentro de la administraci\u00f3n p\u00fablica que debido a la vacancia de un empleo de carrera y mientras se lleva a cabo el respectivo concurso, el nominador designe a una persona en provisionalidad, es decir a t\u00edtulo precario, pues la garant\u00eda de estabilidad la obtendr\u00e1 s\u00f3lo quien resulte ganador en el respectivo proceso de selecci\u00f3n. La persona designada en provisionalidad no goza de la protecci\u00f3n que el ordenamiento jur\u00eddico reconoce y concede a quien resulta ganador mediante el concurso propio de la carrera administrativa, pues para acceder al ...<br \/><div class=\"pt-cv-rmwrap\"><a href=\"https:\/\/www.dmsjuridica.com\/buscador_20179478954\/corteconstitucionalcronologico202454587\/t-1011-03\/\" class=\"_self pt-cv-readmore btn btn-success\" target=\"_self\">Ver Sentencia Completa...<\/a><\/div><\/div><\/div><\/div>\n<div class=\"col-md-12 col-sm-12 col-xs-12 pt-cv-content-item pt-cv-1-col\" ><div class='pt-cv-ifield'><a href=\"https:\/\/www.dmsjuridica.com\/buscador_20179478954\/corteconstitucionalcronologico202454587\/t-1010-03\/\" class=\"_self pt-cv-href-thumbnail pt-cv-thumb-default\" target=\"_self\" ><\/a>\n<div class=\"pt-cv-taxoterm above_title\"><a href='https:\/\/www.dmsjuridica.com\/buscador_20179478954\/corteconstitucionalcronologico202454587\/category\/buscar-en-toda-la-corte\/2003\/tutelas-2003\/' title='Tutelas 2003' class='pt-cv-tax-tutelas-2003'>Tutelas 2003<\/a><\/div>\n<h4 class=\"pt-cv-title\"><a href=\"https:\/\/www.dmsjuridica.com\/buscador_20179478954\/corteconstitucionalcronologico202454587\/t-1010-03\/\" class=\"_self\" target=\"_self\" >T-1010-03<\/a><\/h4>\n<div class=\"pt-cv-content\">\u00a0 \u00a0 Sentencia T-1010\/03 \u00a0 ANTECEDENTES JURISPRUDENCIALES-Atenci\u00f3n m\u00e9dica de soldado que presta servicio militar \u00a0 AUTORIDADES MILITARES-Atenci\u00f3n m\u00e9dica a soldado que presta el servicio militar \u00a0 Las autoridades militares deben prestar los servicios m\u00e9dicos necesarios para la recuperaci\u00f3n de los soldados que se encuentren prestando el servicio militar obligatorio y que sean v\u00edctimas de enfermedades o dolencias a\u00fan adquiridas antes de su incorporaci\u00f3n a filas, siempre que se cumplan las siguientes condiciones: (i) que al momento de la evaluaci\u00f3n m\u00e9dica para el ingreso a la instituci\u00f3n militar o de polic\u00eda, el sujeto hubiere suministrado a la autoridad de sanidad encargada ...<br \/><div class=\"pt-cv-rmwrap\"><a href=\"https:\/\/www.dmsjuridica.com\/buscador_20179478954\/corteconstitucionalcronologico202454587\/t-1010-03\/\" class=\"_self pt-cv-readmore btn btn-success\" target=\"_self\">Ver Sentencia Completa...<\/a><\/div><\/div><\/div><\/div>\n<div class=\"col-md-12 col-sm-12 col-xs-12 pt-cv-content-item pt-cv-1-col\" ><div class='pt-cv-ifield'><a href=\"https:\/\/www.dmsjuridica.com\/buscador_20179478954\/corteconstitucionalcronologico202454587\/t-1009-03\/\" class=\"_self pt-cv-href-thumbnail pt-cv-thumb-default\" target=\"_self\" ><\/a>\n<div class=\"pt-cv-taxoterm above_title\"><a href='https:\/\/www.dmsjuridica.com\/buscador_20179478954\/corteconstitucionalcronologico202454587\/category\/buscar-en-toda-la-corte\/2003\/tutelas-2003\/' title='Tutelas 2003' class='pt-cv-tax-tutelas-2003'>Tutelas 2003<\/a><\/div>\n<h4 class=\"pt-cv-title\"><a href=\"https:\/\/www.dmsjuridica.com\/buscador_20179478954\/corteconstitucionalcronologico202454587\/t-1009-03\/\" class=\"_self\" target=\"_self\" >T-1009-03<\/a><\/h4>\n<div class=\"pt-cv-content\">\u00a0 \u00a0 Sentencia T-1009\/03 \u00a0 DERECHO DE PETICION EN MATERIA PENSIONAL-T\u00e9rminos para resolver \u00a0 ACCION DE TUTELA-Hecho superado por reconocimiento de pensi\u00f3n de sobreviviente \u00a0 Referencia: expediente T-759591 \u00a0 Acci\u00f3n de tutela instaurada por RUBIELA CALDER\u00d3N FAJARDO y otro contra CAJA NACIONAL DE PREVISI\u00d3N SOCIAL y otro. \u00a0 Magistrado Ponente: \u00a0 Dr. ALVARO TAFUR GALVIS \u00a0 Bogot\u00e1, D. C., veintinueve (29) de octubre de dos mil tres (2003). \u00a0 La Sala Octava de Revisi\u00f3n de la Corte Constitucional, integrada por los magistrados Jaime Araujo Renter\u00eda, Clara In\u00e9s Vargas Hern\u00e1ndez y Alvaro Tafur Galvis, en ejercicio de sus competencias constitucionales y ...<br \/><div class=\"pt-cv-rmwrap\"><a href=\"https:\/\/www.dmsjuridica.com\/buscador_20179478954\/corteconstitucionalcronologico202454587\/t-1009-03\/\" class=\"_self pt-cv-readmore btn btn-success\" target=\"_self\">Ver Sentencia Completa...<\/a><\/div><\/div><\/div><\/div>\n<div class=\"col-md-12 col-sm-12 col-xs-12 pt-cv-content-item pt-cv-1-col\" ><div class='pt-cv-ifield'><a href=\"https:\/\/www.dmsjuridica.com\/buscador_20179478954\/corteconstitucionalcronologico202454587\/t-1008-03\/\" class=\"_self pt-cv-href-thumbnail pt-cv-thumb-default\" target=\"_self\" ><\/a>\n<div class=\"pt-cv-taxoterm above_title\"><a href='https:\/\/www.dmsjuridica.com\/buscador_20179478954\/corteconstitucionalcronologico202454587\/category\/buscar-en-toda-la-corte\/2003\/tutelas-2003\/' title='Tutelas 2003' class='pt-cv-tax-tutelas-2003'>Tutelas 2003<\/a><\/div>\n<h4 class=\"pt-cv-title\"><a href=\"https:\/\/www.dmsjuridica.com\/buscador_20179478954\/corteconstitucionalcronologico202454587\/t-1008-03\/\" class=\"_self\" target=\"_self\" >T-1008-03<\/a><\/h4>\n<div class=\"pt-cv-content\">\u00a0 \u00a0 Sentencia T-1008\/03 \u00a0 EMPLEADOR-Asunci\u00f3n de responsabilidad por mora en aportes en salud\u00a0 \u00a0 EMPLEADOR-Negligencia en pago de aportes a salud no pueden trasladarse a usuarios \u00a0 Los efectos de la negligencia del empleador al no hacer los aportes no se le pueden trasladar al afiliado del r\u00e9gimen contributivo en el sistema de seguridad social en salud, y por tratarse de un servicio p\u00fablico a cargo del Estado debe prestarse en forma oportuna, eficiente y continua; de otro lado, no se le puede exigir al demandante que acuda primero al empleador para que le preste directamente dicho servicio, toda ...<br \/><div class=\"pt-cv-rmwrap\"><a href=\"https:\/\/www.dmsjuridica.com\/buscador_20179478954\/corteconstitucionalcronologico202454587\/t-1008-03\/\" class=\"_self pt-cv-readmore btn btn-success\" target=\"_self\">Ver Sentencia Completa...<\/a><\/div><\/div><\/div><\/div>\n<div class=\"col-md-12 col-sm-12 col-xs-12 pt-cv-content-item pt-cv-1-col\" ><div class='pt-cv-ifield'><a href=\"https:\/\/www.dmsjuridica.com\/buscador_20179478954\/corteconstitucionalcronologico202454587\/t-1007-03\/\" class=\"_self pt-cv-href-thumbnail pt-cv-thumb-default\" target=\"_self\" ><\/a>\n<div class=\"pt-cv-taxoterm above_title\"><a href='https:\/\/www.dmsjuridica.com\/buscador_20179478954\/corteconstitucionalcronologico202454587\/category\/buscar-en-toda-la-corte\/2003\/tutelas-2003\/' title='Tutelas 2003' class='pt-cv-tax-tutelas-2003'>Tutelas 2003<\/a><\/div>\n<h4 class=\"pt-cv-title\"><a href=\"https:\/\/www.dmsjuridica.com\/buscador_20179478954\/corteconstitucionalcronologico202454587\/t-1007-03\/\" class=\"_self\" target=\"_self\" >T-1007-03<\/a><\/h4>\n<div class=\"pt-cv-content\">\u00a0 \u00a0 Sentencia T-1007\/03 \u00a0 INAPLICACION DE NORMAS DEL PLAN OBLIGATORIO DE SALUD-Condiciones en que procede por exclusi\u00f3n de tratamientos y medicamentos de alto costo \u00a0 DERECHO A LA SALUD-Prevalencia del criterio del m\u00e9dico tratante para \u00a0suministro de medicamento excluido del POS \u00a0 Es el criterio expuesto por el m\u00e9dico tratante del paciente el que prima a la hora de determinar la necesidad del suministro del f\u00e1rmaco excluido del POS. \u00a0La prescripci\u00f3n del m\u00e9dico tratante es prevalente, incluso frente al criterio de los funcionarios administrativos de las entidades prestadoras, salvo en el caso del comit\u00e9 t\u00e9cnico cient\u00edfico de la EPS, ...<br \/><div class=\"pt-cv-rmwrap\"><a href=\"https:\/\/www.dmsjuridica.com\/buscador_20179478954\/corteconstitucionalcronologico202454587\/t-1007-03\/\" class=\"_self pt-cv-readmore btn btn-success\" target=\"_self\">Ver Sentencia Completa...<\/a><\/div><\/div><\/div><\/div>\n<div class=\"col-md-12 col-sm-12 col-xs-12 pt-cv-content-item pt-cv-1-col\" ><div class='pt-cv-ifield'><a href=\"https:\/\/www.dmsjuridica.com\/buscador_20179478954\/corteconstitucionalcronologico202454587\/t-1001-03\/\" class=\"_self pt-cv-href-thumbnail pt-cv-thumb-default\" target=\"_self\" ><\/a>\n<div class=\"pt-cv-taxoterm above_title\"><a href='https:\/\/www.dmsjuridica.com\/buscador_20179478954\/corteconstitucionalcronologico202454587\/category\/buscar-en-toda-la-corte\/2003\/tutelas-2003\/' title='Tutelas 2003' class='pt-cv-tax-tutelas-2003'>Tutelas 2003<\/a><\/div>\n<h4 class=\"pt-cv-title\"><a href=\"https:\/\/www.dmsjuridica.com\/buscador_20179478954\/corteconstitucionalcronologico202454587\/t-1001-03\/\" class=\"_self\" target=\"_self\" >T-1001-03<\/a><\/h4>\n<div class=\"pt-cv-content\">\u00a0 \u00a0 Sentencia T-1001\/03 \u00a0 DERECHO DE PETICION EN MATERIA PENSIONAL-T\u00e9rminos para resolver \u00a0 Reiteraci\u00f3n de Jurisprudencia \u00a0 Referencia: expediente T\u2013760880 \u00a0 Acci\u00f3n de tutela instaurada por Rafael Eduardo Llin\u00e1s Vargas contra la Caja Nacional de Previsi\u00f3n Social CAJANAL. \u00a0 Magistrado Ponente: \u00a0 Dr. EDUARDO MONTEALEGRE LYNETT \u00a0 Bogot\u00e1 D. C., veintinueve (29) de octubre dos mil tres (2003). \u00a0 La Sala S\u00e9ptima de Revisi\u00f3n de la Corte Constitucional, integrada por los Magistrados Alvaro Tafur Galvis, Clara In\u00e9s Vargas Hern\u00e1ndez y Eduardo Montealegre Lynett, en ejercicio de sus competencias constitucionales y legales, espec\u00edficamente las previstas en los art\u00edculos 86 y ...<br \/><div class=\"pt-cv-rmwrap\"><a href=\"https:\/\/www.dmsjuridica.com\/buscador_20179478954\/corteconstitucionalcronologico202454587\/t-1001-03\/\" class=\"_self pt-cv-readmore btn btn-success\" target=\"_self\">Ver Sentencia Completa...<\/a><\/div><\/div><\/div><\/div>\n<div class=\"col-md-12 col-sm-12 col-xs-12 pt-cv-content-item pt-cv-1-col\" ><div class='pt-cv-ifield'><a href=\"https:\/\/www.dmsjuridica.com\/buscador_20179478954\/corteconstitucionalcronologico202454587\/t-1000-03\/\" class=\"_self pt-cv-href-thumbnail pt-cv-thumb-default\" target=\"_self\" ><\/a>\n<div class=\"pt-cv-taxoterm above_title\"><a href='https:\/\/www.dmsjuridica.com\/buscador_20179478954\/corteconstitucionalcronologico202454587\/category\/buscar-en-toda-la-corte\/2003\/tutelas-2003\/' title='Tutelas 2003' class='pt-cv-tax-tutelas-2003'>Tutelas 2003<\/a><\/div>\n<h4 class=\"pt-cv-title\"><a href=\"https:\/\/www.dmsjuridica.com\/buscador_20179478954\/corteconstitucionalcronologico202454587\/t-1000-03\/\" class=\"_self\" target=\"_self\" >T-1000-03<\/a><\/h4>\n<div class=\"pt-cv-content\">\u00a0 \u00a0 Sentencia T-1000\/03 \u00a0 ACCION DE TUTELA CONTRA PROVIDENCIAS JUDICIALES-Procedencia excepcional por v\u00eda de hecho judicial \u00a0 VIA DE HECHO-Clases de defectos en la actuaci\u00f3n \u00a0 VIA DE HECHO-Demostraci\u00f3n de la arbitrariedad judicial \u00a0 La configuraci\u00f3n de una v\u00eda de hecho requiere demostrar ante el juez de tutela, que la autoridad p\u00fablica actu\u00f3 en ejercicio de sus funciones, que al hacerlo desconoci\u00f3 en forma grosera y arbitraria lo establecido en el ordenamiento jur\u00eddico y que con su comportamiento caus\u00f3 un atentado o la vulneraci\u00f3n a un derecho de rango constitucional fundamental. \u00a0 ACCION DE TUTELA CONTRA PROVIDENCIAS JUDICIALES-Improcedencia por ...<br \/><div class=\"pt-cv-rmwrap\"><a href=\"https:\/\/www.dmsjuridica.com\/buscador_20179478954\/corteconstitucionalcronologico202454587\/t-1000-03\/\" class=\"_self pt-cv-readmore btn btn-success\" target=\"_self\">Ver Sentencia Completa...<\/a><\/div><\/div><\/div><\/div>\n<div class=\"col-md-12 col-sm-12 col-xs-12 pt-cv-content-item pt-cv-1-col\" ><div class='pt-cv-ifield'><a href=\"https:\/\/www.dmsjuridica.com\/buscador_20179478954\/corteconstitucionalcronologico202454587\/t-093-03\/\" class=\"_self pt-cv-href-thumbnail pt-cv-thumb-default\" target=\"_self\" ><\/a>\n<div class=\"pt-cv-taxoterm above_title\"><a href='https:\/\/www.dmsjuridica.com\/buscador_20179478954\/corteconstitucionalcronologico202454587\/category\/buscar-en-toda-la-corte\/2003\/tutelas-2003\/' title='Tutelas 2003' class='pt-cv-tax-tutelas-2003'>Tutelas 2003<\/a><\/div>\n<h4 class=\"pt-cv-title\"><a href=\"https:\/\/www.dmsjuridica.com\/buscador_20179478954\/corteconstitucionalcronologico202454587\/t-093-03\/\" class=\"_self\" target=\"_self\" >T-093-03<\/a><\/h4>\n<div class=\"pt-cv-content\">\u00a0 \u00a0 Sentencia T-093\/03 \u00a0 DERECHO AL TRABAJO-Pago oportuno de salarios \u00a0 ACCION DE TUTELA-Procedencia reclamo de salarios de secuestrados \u00a0 En el presente caso, en el que la demandante reclama el salario de su compa\u00f1ero permanente, quien, al haber sido secuestrado, no puede proveer por la subsistencia de su familia. En casos semejantes la jurisprudencia ha establecido la procedencia de la acci\u00f3n de tutela para reclamar los salarios de la personas secuestrada, con fundamento en que se puede causar un perjuicio irremediable. \u00a0 ACCION DE TUTELA-Razones para protecci\u00f3n temporal a familia del secuestrado \u00a0 La protecci\u00f3n otorgada a la ...<br \/><div class=\"pt-cv-rmwrap\"><a href=\"https:\/\/www.dmsjuridica.com\/buscador_20179478954\/corteconstitucionalcronologico202454587\/t-093-03\/\" class=\"_self pt-cv-readmore btn btn-success\" target=\"_self\">Ver Sentencia Completa...<\/a><\/div><\/div><\/div><\/div>\n<div class=\"col-md-12 col-sm-12 col-xs-12 pt-cv-content-item pt-cv-1-col\" ><div class='pt-cv-ifield'><a href=\"https:\/\/www.dmsjuridica.com\/buscador_20179478954\/corteconstitucionalcronologico202454587\/t-092-03\/\" class=\"_self pt-cv-href-thumbnail pt-cv-thumb-default\" target=\"_self\" ><\/a>\n<div class=\"pt-cv-taxoterm above_title\"><a href='https:\/\/www.dmsjuridica.com\/buscador_20179478954\/corteconstitucionalcronologico202454587\/category\/buscar-en-toda-la-corte\/2003\/tutelas-2003\/' title='Tutelas 2003' class='pt-cv-tax-tutelas-2003'>Tutelas 2003<\/a><\/div>\n<h4 class=\"pt-cv-title\"><a href=\"https:\/\/www.dmsjuridica.com\/buscador_20179478954\/corteconstitucionalcronologico202454587\/t-092-03\/\" class=\"_self\" target=\"_self\" >T-092-03<\/a><\/h4>\n<div class=\"pt-cv-content\">\u00a0 \u00a0 Sentencia T-092\/03 \u00a0 ACCION DE TUTELA-Subsidiariedad\/MEDIO DE DEFENSA JUDICIAL-Conflictos en materia de sustituci\u00f3n pensional \u00a0 Seg\u00fan lo tiene entendido la jurisprudencia constitucional, los conflictos jur\u00eddicos en materia de sustituciones pensionales deben ser tramitados a trav\u00e9s de las acciones judiciales ordinarias establecidas para este efecto, es decir, mediante el proceso laboral ordinario o mediante la acci\u00f3n contencioso administrativa de nulidad y restablecimiento del derecho. Sin embargo, la acci\u00f3n de tutela procede, como mecanismo transitorio, en aquellos casos en los cuales exista una violaci\u00f3n de derechos fundamentales que entra\u00f1e un perjuicio irremediable. \u00a0 DERECHO A LA SUSTITUCION PENSIONAL DEL DISMINUIDO ...<br \/><div class=\"pt-cv-rmwrap\"><a href=\"https:\/\/www.dmsjuridica.com\/buscador_20179478954\/corteconstitucionalcronologico202454587\/t-092-03\/\" class=\"_self pt-cv-readmore btn btn-success\" target=\"_self\">Ver Sentencia Completa...<\/a><\/div><\/div><\/div><\/div>\n<div class=\"col-md-12 col-sm-12 col-xs-12 pt-cv-content-item pt-cv-1-col\" ><div class='pt-cv-ifield'><a href=\"https:\/\/www.dmsjuridica.com\/buscador_20179478954\/corteconstitucionalcronologico202454587\/t-091-03\/\" class=\"_self pt-cv-href-thumbnail pt-cv-thumb-default\" target=\"_self\" ><\/a>\n<div class=\"pt-cv-taxoterm above_title\"><a href='https:\/\/www.dmsjuridica.com\/buscador_20179478954\/corteconstitucionalcronologico202454587\/category\/buscar-en-toda-la-corte\/2003\/tutelas-2003\/' title='Tutelas 2003' class='pt-cv-tax-tutelas-2003'>Tutelas 2003<\/a><\/div>\n<h4 class=\"pt-cv-title\"><a href=\"https:\/\/www.dmsjuridica.com\/buscador_20179478954\/corteconstitucionalcronologico202454587\/t-091-03\/\" class=\"_self\" target=\"_self\" >T-091-03<\/a><\/h4>\n<div class=\"pt-cv-content\">\u00a0 \u00a0 Sentencia T-091\/03 \u00a0 AUTORIDAD DE POLICIA-Competencia respecto a actos perturbatorios contra la posesi\u00f3n \u00a0 PROCESO POLICIVO-Naturaleza \u00a0 Los amparos policivos han sido asimilados a controversias de naturaleza jurisdiccional, hasta el punto que la providencia que culmina la actuaci\u00f3n tiene id\u00e9ntica naturaleza. Desde esta perspectiva, encuentra \u00a0la \u00a0Sala que el procedimiento policivo si bien guarda autonom\u00eda e independencia, al \u00a0establecer los tr\u00e1mites que se deben tener en cuenta en cada caso \u00a0tramitado bajo sus disposiciones, inexorable resulta que \u00a0debe nutrirse de las disposiciones del C\u00f3digo de Procedimiento Civil para llenar sus vac\u00edos y no a la legislaci\u00f3n de lo ...<br \/><div class=\"pt-cv-rmwrap\"><a href=\"https:\/\/www.dmsjuridica.com\/buscador_20179478954\/corteconstitucionalcronologico202454587\/t-091-03\/\" class=\"_self pt-cv-readmore btn btn-success\" target=\"_self\">Ver Sentencia Completa...<\/a><\/div><\/div><\/div><\/div>\n<div class=\"col-md-12 col-sm-12 col-xs-12 pt-cv-content-item pt-cv-1-col\" ><div class='pt-cv-ifield'><a href=\"https:\/\/www.dmsjuridica.com\/buscador_20179478954\/corteconstitucionalcronologico202454587\/t-090-03\/\" class=\"_self pt-cv-href-thumbnail pt-cv-thumb-default\" target=\"_self\" ><\/a>\n<div class=\"pt-cv-taxoterm above_title\"><a href='https:\/\/www.dmsjuridica.com\/buscador_20179478954\/corteconstitucionalcronologico202454587\/category\/buscar-en-toda-la-corte\/2003\/tutelas-2003\/' title='Tutelas 2003' class='pt-cv-tax-tutelas-2003'>Tutelas 2003<\/a><\/div>\n<h4 class=\"pt-cv-title\"><a href=\"https:\/\/www.dmsjuridica.com\/buscador_20179478954\/corteconstitucionalcronologico202454587\/t-090-03\/\" class=\"_self\" target=\"_self\" >T-090-03<\/a><\/h4>\n<div class=\"pt-cv-content\">\u00a0 \u00a0 Sentencia T-090\/03 \u00a0 DERECHO A LA SALUD-Fundamental por conexidad con la vida \u00a0 ACCION DE TUTELA-Protecci\u00f3n preventiva y no solo en caso de gravedad\u00a0 \u00a0 DERECHOS DE PERSONA DE LA TERCERA EDAD-Protecci\u00f3n \u00a0 DERECHO A LA VIDA DIGNA DE PERSONA DE LA TERCERA EDAD-Suministro de aud\u00edfonos \u00a0 ENTIDAD PROMOTORA DE SALUD-Repetici\u00f3n contra el Fosyga \u00a0 \u00a0 Referencia: expediente T-627773 \u00a0 Acci\u00f3n de tutela promovida por Cecilia Nieves Bohorquez contra el Instituto de Seguro Social EPS \u2013 Seccional Cundinamarca y Bogot\u00e1 D. C. \u00a0 Magistrada Ponente: \u00a0 Bogot\u00e1, \u00a0D. C., seis (6) de febrero de \u00a0dos mil tres (2003) ...<br \/><div class=\"pt-cv-rmwrap\"><a href=\"https:\/\/www.dmsjuridica.com\/buscador_20179478954\/corteconstitucionalcronologico202454587\/t-090-03\/\" class=\"_self pt-cv-readmore btn btn-success\" target=\"_self\">Ver Sentencia Completa...<\/a><\/div><\/div><\/div><\/div>\n<div class=\"col-md-12 col-sm-12 col-xs-12 pt-cv-content-item pt-cv-1-col\" ><div class='pt-cv-ifield'><a href=\"https:\/\/www.dmsjuridica.com\/buscador_20179478954\/corteconstitucionalcronologico202454587\/t-089-03\/\" class=\"_self pt-cv-href-thumbnail pt-cv-thumb-default\" target=\"_self\" ><\/a>\n<div class=\"pt-cv-taxoterm above_title\"><a href='https:\/\/www.dmsjuridica.com\/buscador_20179478954\/corteconstitucionalcronologico202454587\/category\/buscar-en-toda-la-corte\/2003\/tutelas-2003\/' title='Tutelas 2003' class='pt-cv-tax-tutelas-2003'>Tutelas 2003<\/a><\/div>\n<h4 class=\"pt-cv-title\"><a href=\"https:\/\/www.dmsjuridica.com\/buscador_20179478954\/corteconstitucionalcronologico202454587\/t-089-03\/\" class=\"_self\" target=\"_self\" >T-089-03<\/a><\/h4>\n<div class=\"pt-cv-content\">\u00a0 \u00a0 Sentencia T-089\/03 \u00a0 DERECHO A LA SALUD-Fundamental por conexidad con la vida \u00a0 SALUD-Protecci\u00f3n por el Estado y los particulares\/ENFERMO-Asistencia por el Estado y los particulares \u00a0 ENTIDAD DE SALUD-Prestaci\u00f3n del mejor servicio m\u00e9dico disponible \u00a0 DERECHO A LA SALUD-Relevancia de la participaci\u00f3n de la familia para protecci\u00f3n del enfermo terminal \u00a0 ENFERMO TERMINAL-Coordinaci\u00f3n de esfuerzos entre familia y entidad de salud \u00a0 ACCION DE TUTELA-Carencia actual de objeto\/SENTENCIA DE REVISION DE TUTELA-Fallecimiento de actor no exime pronunciamiento de fondo \u00a0 \u00a0 Reiteraci\u00f3n de jurisprudencia \u00a0 Referencia: expediente T-682015 \u00a0 Acci\u00f3n de tutela instaurada por Jos\u00e9 Antonio Serrano ...<br \/><div class=\"pt-cv-rmwrap\"><a href=\"https:\/\/www.dmsjuridica.com\/buscador_20179478954\/corteconstitucionalcronologico202454587\/t-089-03\/\" class=\"_self pt-cv-readmore btn btn-success\" target=\"_self\">Ver Sentencia Completa...<\/a><\/div><\/div><\/div><\/div>\n<div class=\"col-md-12 col-sm-12 col-xs-12 pt-cv-content-item pt-cv-1-col\" ><div class='pt-cv-ifield'><a href=\"https:\/\/www.dmsjuridica.com\/buscador_20179478954\/corteconstitucionalcronologico202454587\/t-088-03\/\" class=\"_self pt-cv-href-thumbnail pt-cv-thumb-default\" target=\"_self\" ><\/a>\n<div class=\"pt-cv-taxoterm above_title\"><a href='https:\/\/www.dmsjuridica.com\/buscador_20179478954\/corteconstitucionalcronologico202454587\/category\/buscar-en-toda-la-corte\/2003\/tutelas-2003\/' title='Tutelas 2003' class='pt-cv-tax-tutelas-2003'>Tutelas 2003<\/a><\/div>\n<h4 class=\"pt-cv-title\"><a href=\"https:\/\/www.dmsjuridica.com\/buscador_20179478954\/corteconstitucionalcronologico202454587\/t-088-03\/\" class=\"_self\" target=\"_self\" >T-088-03<\/a><\/h4>\n<div class=\"pt-cv-content\">\u00a0 \u00a0 Sentencia T-088\/03 \u00a0 ACCION DE TUTELA CONTRA PROVIDENCIAS JUDICIALES-Procedencia excepcional por v\u00eda de hecho judicial\/VIA DE HECHO-Falta de valoraci\u00f3n de pruebas en incidente de desembargo\/DEBIDO PROCESO-Vulneraci\u00f3n por valoraci\u00f3n incompleta del acervo probatorio \u00a0 VIA DE HECHO EN PROCESO SUCESORAL-Defecto f\u00e1ctico\/VIA DE HECHO EN PROCESO SUCESORAL-Defecto sustantivo \u00a0 Referencia: expediente T-650944 \u00a0 Acci\u00f3n de tutela interpuesta por Erika Paola Vergara Su\u00e1rez contra la Sala Civil - Familia del Tribunal Superior de Distrito Judicial de Cundinamarca \u00a0 Dra. CLARA IN\u00c9S VARGAS HERN\u00c1NDEZ \u00a0 Bogot\u00e1, D. C., siete (7) de febrero dos mil tres (2003). \u00a0 La Sala Novena de Revisi\u00f3n ...<br \/><div class=\"pt-cv-rmwrap\"><a href=\"https:\/\/www.dmsjuridica.com\/buscador_20179478954\/corteconstitucionalcronologico202454587\/t-088-03\/\" class=\"_self pt-cv-readmore btn btn-success\" target=\"_self\">Ver Sentencia Completa...<\/a><\/div><\/div><\/div><\/div>\n<div class=\"col-md-12 col-sm-12 col-xs-12 pt-cv-content-item pt-cv-1-col\" ><div class='pt-cv-ifield'><a href=\"https:\/\/www.dmsjuridica.com\/buscador_20179478954\/corteconstitucionalcronologico202454587\/t-087-03\/\" class=\"_self pt-cv-href-thumbnail pt-cv-thumb-default\" target=\"_self\" ><\/a>\n<div class=\"pt-cv-taxoterm above_title\"><a href='https:\/\/www.dmsjuridica.com\/buscador_20179478954\/corteconstitucionalcronologico202454587\/category\/buscar-en-toda-la-corte\/2003\/tutelas-2003\/' title='Tutelas 2003' class='pt-cv-tax-tutelas-2003'>Tutelas 2003<\/a><\/div>\n<h4 class=\"pt-cv-title\"><a href=\"https:\/\/www.dmsjuridica.com\/buscador_20179478954\/corteconstitucionalcronologico202454587\/t-087-03\/\" class=\"_self\" target=\"_self\" >T-087-03<\/a><\/h4>\n<div class=\"pt-cv-content\">\u00a0 \u00a0 Sentencia T-087\/03 \u00a0 DERECHO A LA SALUD-Condiciones para obtenci\u00f3n de tratamiento o medicamento excluido del POS \u00a0 ACCION DE TUTELA-No suministro de hormonas de crecimiento vulnera derechos del menor \u00a0 DERECHO A LA SALUD DEL MENOR-Suspensi\u00f3n de tratamiento para mejorar estatura \u00a0 Reiteraci\u00f3n de Jurisprudencia \u00a0 Referencia: expediente T-672474 \u00a0 Acci\u00f3n de tutela instaurada por Esperanza Caicedo de D\u00e1vila contra la EPS Prosalud \u00a0 Magistrado ponente:\u00a0 \u00a0 Dr. MANUEL JOS\u00c9 CEPEDA ESPINOSA \u00a0 Bogot\u00e1, D.C., seis (06) de febrero dos mil tres (2003). \u00a0 La Sala Tercera de Revisi\u00f3n de la Corte Constitucional, integrada por los magistrados, Manuel ...<br \/><div class=\"pt-cv-rmwrap\"><a href=\"https:\/\/www.dmsjuridica.com\/buscador_20179478954\/corteconstitucionalcronologico202454587\/t-087-03\/\" class=\"_self pt-cv-readmore btn btn-success\" target=\"_self\">Ver Sentencia Completa...<\/a><\/div><\/div><\/div><\/div>\n<div class=\"col-md-12 col-sm-12 col-xs-12 pt-cv-content-item pt-cv-1-col\" ><div class='pt-cv-ifield'><a href=\"https:\/\/www.dmsjuridica.com\/buscador_20179478954\/corteconstitucionalcronologico202454587\/t-086-03\/\" class=\"_self pt-cv-href-thumbnail pt-cv-thumb-default\" target=\"_self\" ><\/a>\n<div class=\"pt-cv-taxoterm above_title\"><a href='https:\/\/www.dmsjuridica.com\/buscador_20179478954\/corteconstitucionalcronologico202454587\/category\/buscar-en-toda-la-corte\/2003\/tutelas-2003\/' title='Tutelas 2003' class='pt-cv-tax-tutelas-2003'>Tutelas 2003<\/a><\/div>\n<h4 class=\"pt-cv-title\"><a href=\"https:\/\/www.dmsjuridica.com\/buscador_20179478954\/corteconstitucionalcronologico202454587\/t-086-03\/\" class=\"_self\" target=\"_self\" >T-086-03<\/a><\/h4>\n<div class=\"pt-cv-content\">\u00a0 \u00a0 Sentencia T-086\/03 \u00a0 VIA DE HECHO-Alcance \u00a0 ACCION DE TUTELA CONTRA PROVIDENCIAS JUDICIALES-Procedencia excepcional \u00a0 VIA DE HECHO-Clases de defectos en la actuaci\u00f3n \u00a0 COSA JUZGADA EN TUTELA-Diferencia entre la decisi\u00f3n y la orden espec\u00edfica \u00a0 Se pueden distinguir dos partes constitutivas del fallo: \u00a0la decisi\u00f3n de amparo, es decir, la determinaci\u00f3n de si se concede o no el amparo solicitado mediante la acci\u00f3n de tutela, y la orden espec\u00edfica y necesaria para garantizar el goce efectivo del derecho amparado. El principio de la cosa juzgada se aplica en t\u00e9rminos absolutos a la primera parte del fallo, es ...<br \/><div class=\"pt-cv-rmwrap\"><a href=\"https:\/\/www.dmsjuridica.com\/buscador_20179478954\/corteconstitucionalcronologico202454587\/t-086-03\/\" class=\"_self pt-cv-readmore btn btn-success\" target=\"_self\">Ver Sentencia Completa...<\/a><\/div><\/div><\/div><\/div>\n<div class=\"col-md-12 col-sm-12 col-xs-12 pt-cv-content-item pt-cv-1-col\" ><div class='pt-cv-ifield'><a href=\"https:\/\/www.dmsjuridica.com\/buscador_20179478954\/corteconstitucionalcronologico202454587\/t-085-03\/\" class=\"_self pt-cv-href-thumbnail pt-cv-thumb-default\" target=\"_self\" ><\/a>\n<div class=\"pt-cv-taxoterm above_title\"><a href='https:\/\/www.dmsjuridica.com\/buscador_20179478954\/corteconstitucionalcronologico202454587\/category\/buscar-en-toda-la-corte\/2003\/tutelas-2003\/' title='Tutelas 2003' class='pt-cv-tax-tutelas-2003'>Tutelas 2003<\/a><\/div>\n<h4 class=\"pt-cv-title\"><a href=\"https:\/\/www.dmsjuridica.com\/buscador_20179478954\/corteconstitucionalcronologico202454587\/t-085-03\/\" class=\"_self\" target=\"_self\" >T-085-03<\/a><\/h4>\n<div class=\"pt-cv-content\">\u00a0 \u00a0 Sentencia T-085\/03 \u00a0 DERECHO A LA SALUD-Fundamental por conexidad con la vida \u00a0 SISTEMA CARCELARIO-Garant\u00eda m\u00e1xima de preceptos fundamentales \u00a0 ESTABLECIMIENTO CARCELARIO-Atenci\u00f3n m\u00e9dica adecuada, digna y oportuna de presos \u00a0 ESTABLECIMIENTO CARCELARIO-Servicio de salud a cargo del Inpec\/ESTABLECIMIENTO CARCELARIO-Beneficio de salud a\u00fan a quienes gozan de prisi\u00f3n domiciliaria \u00a0 Reiteraci\u00f3n de Jurisprudencia \u00a0 Referencia: expediente T-659128 \u00a0 Acci\u00f3n de tutela instaurada por Jorge Humberto Montoya Borrero contra el Instituto Nacional Penitenciario y Carcelario (INPEC) \u00a0 Magistrado ponente:\u00a0 \u00a0 Dr. MANUEL JOS\u00c9 CEPEDA ESPINOSA \u00a0 Bogot\u00e1, D. C., seis (06) de febrero dos mil tres (2003). \u00a0 La Sala ...<br \/><div class=\"pt-cv-rmwrap\"><a href=\"https:\/\/www.dmsjuridica.com\/buscador_20179478954\/corteconstitucionalcronologico202454587\/t-085-03\/\" class=\"_self pt-cv-readmore btn btn-success\" target=\"_self\">Ver Sentencia Completa...<\/a><\/div><\/div><\/div><\/div>\n<div class=\"col-md-12 col-sm-12 col-xs-12 pt-cv-content-item pt-cv-1-col\" ><div class='pt-cv-ifield'><a href=\"https:\/\/www.dmsjuridica.com\/buscador_20179478954\/corteconstitucionalcronologico202454587\/t-084-03\/\" class=\"_self pt-cv-href-thumbnail pt-cv-thumb-default\" target=\"_self\" ><\/a>\n<div class=\"pt-cv-taxoterm above_title\"><a href='https:\/\/www.dmsjuridica.com\/buscador_20179478954\/corteconstitucionalcronologico202454587\/category\/buscar-en-toda-la-corte\/2003\/tutelas-2003\/' title='Tutelas 2003' class='pt-cv-tax-tutelas-2003'>Tutelas 2003<\/a><\/div>\n<h4 class=\"pt-cv-title\"><a href=\"https:\/\/www.dmsjuridica.com\/buscador_20179478954\/corteconstitucionalcronologico202454587\/t-084-03\/\" class=\"_self\" target=\"_self\" >T-084-03<\/a><\/h4>\n<div class=\"pt-cv-content\">\u00a0 \u00a0 Sentencia T-084\/03 \u00a0 DERECHO A LA SALUD DEL NI\u00d1O-Pr\u00e1ctica de cirug\u00eda en el exterior \u00a0 ACCION DE TUTELA-Hecho superado por muerte del menor \u00a0 ACCION DE TUTELA-Improcedencia sobre controversias econ\u00f3micas \u00a0 Referencia: expediente T-653425 \u00a0 Acci\u00f3n de tutela instaurada por Jorge Enrique Mosos Campos en contra el Instituto de Seguro Social Seccional Tolima \u00a0 Magistrado Ponente:\u00a0 \u00a0 Dr. MANUEL JOS\u00c9 CEPEDA ESPINOSA \u00a0 Bogot\u00e1, D.C., seis (6) de febrero de dos mil tres (2003). \u00a0 La Sala Tercera de Revisi\u00f3n de la Corte Constitucional, integrada por los magistrados, Manuel Jos\u00e9 Cepeda Espinosa, Jaime C\u00f3rdoba Trivi\u00f1o y Rodrigo Escobar ...<br \/><div class=\"pt-cv-rmwrap\"><a href=\"https:\/\/www.dmsjuridica.com\/buscador_20179478954\/corteconstitucionalcronologico202454587\/t-084-03\/\" class=\"_self pt-cv-readmore btn btn-success\" target=\"_self\">Ver Sentencia Completa...<\/a><\/div><\/div><\/div><\/div>\n<div class=\"col-md-12 col-sm-12 col-xs-12 pt-cv-content-item pt-cv-1-col\" ><div class='pt-cv-ifield'><a href=\"https:\/\/www.dmsjuridica.com\/buscador_20179478954\/corteconstitucionalcronologico202454587\/t-083-03\/\" class=\"_self pt-cv-href-thumbnail pt-cv-thumb-default\" target=\"_self\" ><\/a>\n<div class=\"pt-cv-taxoterm above_title\"><a href='https:\/\/www.dmsjuridica.com\/buscador_20179478954\/corteconstitucionalcronologico202454587\/category\/buscar-en-toda-la-corte\/2003\/tutelas-2003\/' title='Tutelas 2003' class='pt-cv-tax-tutelas-2003'>Tutelas 2003<\/a><\/div>\n<h4 class=\"pt-cv-title\"><a href=\"https:\/\/www.dmsjuridica.com\/buscador_20179478954\/corteconstitucionalcronologico202454587\/t-083-03\/\" class=\"_self\" target=\"_self\" >T-083-03<\/a><\/h4>\n<div class=\"pt-cv-content\">\u00a0 \u00a0 Sentencia T-083\/03 \u00a0 DERECHO A LA VIVIENDA DIGNA-Financiaci\u00f3n de vivienda a largo plazo \u00a0 ACTO PROPIO-Respeto\/ACTO PROPIO-Condiciones para su aplicaci\u00f3n \u00a0 OBLIGACION EXTINTA-Reliquidaci\u00f3n de cr\u00e9dito hipotecario\/OBLIGACION EXTINTA-Cancelaci\u00f3n de gravamen\/OBLIGACION EXTINTA-Expedici\u00f3n de paz y salvo por Granahorrar \u00a0 ENTIDAD BANCARIA-Abuso de posici\u00f3n dominante \u00a0 DEBIDO PROCESO-Vulneraci\u00f3n de Granahorrar por imputaci\u00f3n de una nueva deuda \u00a0 Referencia: expediente T-657041 \u00a0 Acci\u00f3n de tutela instaurada por Nelson Parra Jerez contra el Banco Granahorrar. \u00a0 Magistrado Ponente: \u00a0 \u00a0 Dr. JAIME C\u00d3RDOBA TRIVI\u00d1O \u00a0 Bogot\u00e1, D. C., \u00a0seis (6) de febrero de dos mil tres (2003). \u00a0 La Sala Cuarta de Revisi\u00f3n ...<br \/><div class=\"pt-cv-rmwrap\"><a href=\"https:\/\/www.dmsjuridica.com\/buscador_20179478954\/corteconstitucionalcronologico202454587\/t-083-03\/\" class=\"_self pt-cv-readmore btn btn-success\" target=\"_self\">Ver Sentencia Completa...<\/a><\/div><\/div><\/div><\/div>\n<div class=\"col-md-12 col-sm-12 col-xs-12 pt-cv-content-item pt-cv-1-col\" ><div class='pt-cv-ifield'><a href=\"https:\/\/www.dmsjuridica.com\/buscador_20179478954\/corteconstitucionalcronologico202454587\/t-082-03\/\" class=\"_self pt-cv-href-thumbnail pt-cv-thumb-default\" target=\"_self\" ><\/a>\n<div class=\"pt-cv-taxoterm above_title\"><a href='https:\/\/www.dmsjuridica.com\/buscador_20179478954\/corteconstitucionalcronologico202454587\/category\/buscar-en-toda-la-corte\/2003\/tutelas-2003\/' title='Tutelas 2003' class='pt-cv-tax-tutelas-2003'>Tutelas 2003<\/a><\/div>\n<h4 class=\"pt-cv-title\"><a href=\"https:\/\/www.dmsjuridica.com\/buscador_20179478954\/corteconstitucionalcronologico202454587\/t-082-03\/\" class=\"_self\" target=\"_self\" >T-082-03<\/a><\/h4>\n<div class=\"pt-cv-content\">\u00a0 \u00a0 \u00a0\u00a0 \u00a0 \u00a0 \u00a0 \u00a0 \u00a0 \u00a0 \u00a0 \u00a0 \u00a0 \u00a0 \u00a0 \u00a0 \u00a0 \u00a0 \u00a0 \u00a0 \u00a0 \u00a0 \u00a0 \u00a0 \u00a0 \u00a0 \u00a0 \u00a0 \u00a0 \u00a0 \u00a0 \u00a0 \u00a0 \u00a0 \u00a0 \u00a0 \u00a0 \u00a0 \u00a0 \u00a0 \u00a0 \u00a0 \u00a0 \u00a0 \u00a0 \u00a0 \u00a0 \u00a0 \u00a0 \u00a0 \u00a0 \u00a0 \u00a0 \u00a0 \u00a0 \u00a0 \u00a0 \u00a0 \u00a0 \u00a0 \u00a0 \u00a0 \u00a0 \u00a0 \u00a0 \u00a0 \u00a0 \u00a0 \u00a0 \u00a0 \u00a0 \u00a0 \u00a0 \u00a0 \u00a0 \u00a0 \u00a0 \u00a0 \u00a0 \u00a0 \u00a0 \u00a0 \u00a0 \u00a0 \u00a0 \u00a0 \u00a0 \u00a0 \u00a0 \u00a0 \u00a0 \u00a0 \u00a0 \u00a0 \u00a0 \u00a0 \u00a0 \u00a0 \u00a0 \u00a0 \u00a0 ...<br \/><div class=\"pt-cv-rmwrap\"><a href=\"https:\/\/www.dmsjuridica.com\/buscador_20179478954\/corteconstitucionalcronologico202454587\/t-082-03\/\" class=\"_self pt-cv-readmore btn btn-success\" target=\"_self\">Ver Sentencia Completa...<\/a><\/div><\/div><\/div><\/div>\n<div class=\"col-md-12 col-sm-12 col-xs-12 pt-cv-content-item pt-cv-1-col\" ><div class='pt-cv-ifield'><a href=\"https:\/\/www.dmsjuridica.com\/buscador_20179478954\/corteconstitucionalcronologico202454587\/t-081-03\/\" class=\"_self pt-cv-href-thumbnail pt-cv-thumb-default\" target=\"_self\" ><\/a>\n<div class=\"pt-cv-taxoterm above_title\"><a href='https:\/\/www.dmsjuridica.com\/buscador_20179478954\/corteconstitucionalcronologico202454587\/category\/buscar-en-toda-la-corte\/2003\/tutelas-2003\/' title='Tutelas 2003' class='pt-cv-tax-tutelas-2003'>Tutelas 2003<\/a><\/div>\n<h4 class=\"pt-cv-title\"><a href=\"https:\/\/www.dmsjuridica.com\/buscador_20179478954\/corteconstitucionalcronologico202454587\/t-081-03\/\" class=\"_self\" target=\"_self\" >T-081-03<\/a><\/h4>\n<div class=\"pt-cv-content\">\u00a0 \u00a0 \u00a0\u00a0 Sentencia T-081\/03 \u00a0 PENSION DE SOBREVIVIENTES-No se requiere que el afiliado haya cumplido sesenta a\u00f1os \u00a0 Trat\u00e1ndose de la pensi\u00f3n de sobrevivientes no es requisito para su otorgamiento que el afiliado haya llegado a los sesenta a\u00f1os. Lo que se requiere es que se hayan hecho unas cotizaciones con anterioridad al fallecimiento. \u00a0 \u00a0 ENTIDAD ADMINISTRADORA DE PENSIONES-No puede cambiar pensi\u00f3n por indemnizaci\u00f3n sustitutiva \u00a0 Si est\u00e1 probado que las cotizaciones se hicieron, la entidad administradora de pensiones no puede optar por la indemnizaci\u00f3n sustitutiva. Y, si lo hace, viola el derecho a la seguridad social del ...<br \/><div class=\"pt-cv-rmwrap\"><a href=\"https:\/\/www.dmsjuridica.com\/buscador_20179478954\/corteconstitucionalcronologico202454587\/t-081-03\/\" class=\"_self pt-cv-readmore btn btn-success\" target=\"_self\">Ver Sentencia Completa...<\/a><\/div><\/div><\/div><\/div>\n<div class=\"col-md-12 col-sm-12 col-xs-12 pt-cv-content-item pt-cv-1-col\" ><div class='pt-cv-ifield'><a href=\"https:\/\/www.dmsjuridica.com\/buscador_20179478954\/corteconstitucionalcronologico202454587\/t-080-03\/\" class=\"_self pt-cv-href-thumbnail pt-cv-thumb-default\" target=\"_self\" ><\/a>\n<div class=\"pt-cv-taxoterm above_title\"><a href='https:\/\/www.dmsjuridica.com\/buscador_20179478954\/corteconstitucionalcronologico202454587\/category\/buscar-en-toda-la-corte\/2003\/tutelas-2003\/' title='Tutelas 2003' class='pt-cv-tax-tutelas-2003'>Tutelas 2003<\/a><\/div>\n<h4 class=\"pt-cv-title\"><a href=\"https:\/\/www.dmsjuridica.com\/buscador_20179478954\/corteconstitucionalcronologico202454587\/t-080-03\/\" class=\"_self\" target=\"_self\" >T-080-03<\/a><\/h4>\n<div class=\"pt-cv-content\">\u00a0 \u00a0 Sentencia T-080\/03 \u00a0 ACCION DE TUTELA-Hecho superado por pago de mesadas pensionales \u00a0 Referencia: expediente: T-657791 \u00a0 Actor: Julio Enrique Bet\u00edn Hoyos \u00a0 Magistrado Ponente:\u00a0 \u00a0 Bogot\u00e1 D. C., seis (6) de febrero de dos mil tres (2003). \u00a0 La Sala Sexta de la Corte Constitucional, integrada por los Magistrados doctores, Eduardo Montealegre Lynet, Alvaro Tafur Galvis y Marco Gerardo Monroy, quien la preside, \u00a0en ejercicio de sus competencias constitucionales y legales ha pronunciado la siguiente\u00a0 \u00a0 SENTENCIA \u00a0 En el proceso de tutela n\u00famero T-657791, promovido por el ciudadano Julio Enrique Betin Hoyos contra la Empresa de ...<br \/><div class=\"pt-cv-rmwrap\"><a href=\"https:\/\/www.dmsjuridica.com\/buscador_20179478954\/corteconstitucionalcronologico202454587\/t-080-03\/\" class=\"_self pt-cv-readmore btn btn-success\" target=\"_self\">Ver Sentencia Completa...<\/a><\/div><\/div><\/div><\/div>\n<div class=\"col-md-12 col-sm-12 col-xs-12 pt-cv-content-item pt-cv-1-col\" ><div class='pt-cv-ifield'><a href=\"https:\/\/www.dmsjuridica.com\/buscador_20179478954\/corteconstitucionalcronologico202454587\/t-079-03\/\" class=\"_self pt-cv-href-thumbnail pt-cv-thumb-default\" target=\"_self\" ><\/a>\n<div class=\"pt-cv-taxoterm above_title\"><a href='https:\/\/www.dmsjuridica.com\/buscador_20179478954\/corteconstitucionalcronologico202454587\/category\/buscar-en-toda-la-corte\/2003\/tutelas-2003\/' title='Tutelas 2003' class='pt-cv-tax-tutelas-2003'>Tutelas 2003<\/a><\/div>\n<h4 class=\"pt-cv-title\"><a href=\"https:\/\/www.dmsjuridica.com\/buscador_20179478954\/corteconstitucionalcronologico202454587\/t-079-03\/\" class=\"_self\" target=\"_self\" >T-079-03<\/a><\/h4>\n<div class=\"pt-cv-content\">\u00a0 \u00a0 Sentencia T-079\/03 \u00a0 DERECHO DE PETICION-Alcance\/DERECHO DE PETICION-N\u00facleo esencial \u00a0 DERECHO DE PETICION-T\u00e9rmino para resolver solicitudes en materia pensional \u00a0 PENSION DE JUBILACION-T\u00e9rmino de seis meses para tr\u00e1mite y pago \u00a0 Reiteraci\u00f3n de Jurisprudencia \u00a0 Referencia: expediente T-651142 \u00a0 Acci\u00f3n de tutela instaurada por Mar\u00eda del Socorro Daza Orozco contra el Instituto de Seguros Sociales Seccional Cesar. \u00a0 Magistrado Ponente \u00a0 Dr. JAIME ARAUJO RENTER\u00cdA \u00a0 Bogot\u00e1, D.C., seis (6) de febrero dos mil tres (2003). \u00a0 La Sala Primera de Revisi\u00f3n de la Corte Constitucional, en ejercicio de sus competencias constitucionales y legales, en particular las contenidas ...<br \/><div class=\"pt-cv-rmwrap\"><a href=\"https:\/\/www.dmsjuridica.com\/buscador_20179478954\/corteconstitucionalcronologico202454587\/t-079-03\/\" class=\"_self pt-cv-readmore btn btn-success\" target=\"_self\">Ver Sentencia Completa...<\/a><\/div><\/div><\/div><\/div>\n<div class=\"col-md-12 col-sm-12 col-xs-12 pt-cv-content-item pt-cv-1-col\" ><div class='pt-cv-ifield'><a href=\"https:\/\/www.dmsjuridica.com\/buscador_20179478954\/corteconstitucionalcronologico202454587\/t-077-03\/\" class=\"_self pt-cv-href-thumbnail pt-cv-thumb-default\" target=\"_self\" ><\/a>\n<div class=\"pt-cv-taxoterm above_title\"><a href='https:\/\/www.dmsjuridica.com\/buscador_20179478954\/corteconstitucionalcronologico202454587\/category\/buscar-en-toda-la-corte\/2003\/tutelas-2003\/' title='Tutelas 2003' class='pt-cv-tax-tutelas-2003'>Tutelas 2003<\/a><\/div>\n<h4 class=\"pt-cv-title\"><a href=\"https:\/\/www.dmsjuridica.com\/buscador_20179478954\/corteconstitucionalcronologico202454587\/t-077-03\/\" class=\"_self\" target=\"_self\" >T-077-03<\/a><\/h4>\n<div class=\"pt-cv-content\">\u00a0 \u00a0 Sentencia T-077\/03 \u00a0 ACCION DE TUTELA-Improcedencia para reintegro de empleados p\u00fablicos aforados \u00a0 Como regla general reiterada por la Corte Constitucional, la acci\u00f3n de tutela es improcedente para solicitar el reintegro de empleados p\u00fablicos aforados sindicalmente puesto que, para la protecci\u00f3n del derecho al trabajo y a la asociaci\u00f3n sindical, est\u00e1 previsto en el ordenamiento jur\u00eddico otro medio alternativo de defensa judicial propio, espec\u00edfico y eficaz que excluye la utilizaci\u00f3n de la acci\u00f3n de tutela para este fin: la acci\u00f3n de reintegro. \u00a0 DERECHO DE ASOCIACION SINDICAL-Protecci\u00f3n constitucional\/DERECHO DE ASOCIACION SINDICAL-Protecci\u00f3n por conducta abusiva del empleador\/DERECHO DE ASOCIACION ...<br \/><div class=\"pt-cv-rmwrap\"><a href=\"https:\/\/www.dmsjuridica.com\/buscador_20179478954\/corteconstitucionalcronologico202454587\/t-077-03\/\" class=\"_self pt-cv-readmore btn btn-success\" target=\"_self\">Ver Sentencia Completa...<\/a><\/div><\/div><\/div><\/div>\n<div class=\"col-md-12 col-sm-12 col-xs-12 pt-cv-content-item pt-cv-1-col\" ><div class='pt-cv-ifield'><a href=\"https:\/\/www.dmsjuridica.com\/buscador_20179478954\/corteconstitucionalcronologico202454587\/t-076-03\/\" class=\"_self pt-cv-href-thumbnail pt-cv-thumb-default\" target=\"_self\" ><\/a>\n<div class=\"pt-cv-taxoterm above_title\"><a href='https:\/\/www.dmsjuridica.com\/buscador_20179478954\/corteconstitucionalcronologico202454587\/category\/buscar-en-toda-la-corte\/2003\/tutelas-2003\/' title='Tutelas 2003' class='pt-cv-tax-tutelas-2003'>Tutelas 2003<\/a><\/div>\n<h4 class=\"pt-cv-title\"><a href=\"https:\/\/www.dmsjuridica.com\/buscador_20179478954\/corteconstitucionalcronologico202454587\/t-076-03\/\" class=\"_self\" target=\"_self\" >T-076-03<\/a><\/h4>\n<div class=\"pt-cv-content\">\u00a0 \u00a0 Sentencia T-076\/03 \u00a0 ACCION DE TUTELA-Improcedencia general para reconocimiento de derechos pensionales \u00a0 La Corte Constitucional se ha manifestado en diversas ocasiones acerca de la improcedencia de la acci\u00f3n de tutela para el reconocimiento de derechos pensionales, ya sea que se trate de una pensi\u00f3n de vejez, de invalidez, de sobrevivientes o de una sustituci\u00f3n pensional. En anteriores oportunidades se ha reiterado, que el conocimiento de este tipo de solicitudes es de competencia de la justicia laboral ordinaria, en raz\u00f3n a que es necesario entrar a considerar aspectos litigiosos de naturaleza legal y prestacional que escapan al \u00e1mbito ...<br \/><div class=\"pt-cv-rmwrap\"><a href=\"https:\/\/www.dmsjuridica.com\/buscador_20179478954\/corteconstitucionalcronologico202454587\/t-076-03\/\" class=\"_self pt-cv-readmore btn btn-success\" target=\"_self\">Ver Sentencia Completa...<\/a><\/div><\/div><\/div><\/div>\n<div class=\"col-md-12 col-sm-12 col-xs-12 pt-cv-content-item pt-cv-1-col\" ><div class='pt-cv-ifield'><a href=\"https:\/\/www.dmsjuridica.com\/buscador_20179478954\/corteconstitucionalcronologico202454587\/t-075-03\/\" class=\"_self pt-cv-href-thumbnail pt-cv-thumb-default\" target=\"_self\" ><\/a>\n<div class=\"pt-cv-taxoterm above_title\"><a href='https:\/\/www.dmsjuridica.com\/buscador_20179478954\/corteconstitucionalcronologico202454587\/category\/buscar-en-toda-la-corte\/2003\/tutelas-2003\/' title='Tutelas 2003' class='pt-cv-tax-tutelas-2003'>Tutelas 2003<\/a><\/div>\n<h4 class=\"pt-cv-title\"><a href=\"https:\/\/www.dmsjuridica.com\/buscador_20179478954\/corteconstitucionalcronologico202454587\/t-075-03\/\" class=\"_self\" target=\"_self\" >T-075-03<\/a><\/h4>\n<div class=\"pt-cv-content\">\u00a0 \u00a0 Sentencia T-075\/03 \u00a0 DERECHO DE PETICION-Vulneraci\u00f3n por dilaci\u00f3n en solicitud de pensi\u00f3n \u00a0 DERECHO DE PETICION-Pronta resoluci\u00f3n equivale a quince d\u00edas\/DERECHO DE PETICION ANTE EL SEGURO SOCIAL-Resoluci\u00f3n oportuna y de fondo \u00a0 Reiteraci\u00f3n de Jurisprudencia \u00a0 Referencia: expediente T-662292 \u00a0 Acci\u00f3n de tutela instaurada por Luis Alfonso Orejuela Carabal\u00ed contra el Instituto de Seguros Sociales Seccional Valle. \u00a0 Magistrado Ponente: \u00a0 Dr. RODRIGO ESCOBAR GIL \u00a0 Bogot\u00e1, D. C., cinco (5) de febrero dos mil tres (2003). \u00a0 La Sala Quinta de Revisi\u00f3n de la Corte Constitucional, en ejercicio de sus competencias constitucionales y legales, en particular las ...<br \/><div class=\"pt-cv-rmwrap\"><a href=\"https:\/\/www.dmsjuridica.com\/buscador_20179478954\/corteconstitucionalcronologico202454587\/t-075-03\/\" class=\"_self pt-cv-readmore btn btn-success\" target=\"_self\">Ver Sentencia Completa...<\/a><\/div><\/div><\/div><\/div>\n<div class=\"col-md-12 col-sm-12 col-xs-12 pt-cv-content-item pt-cv-1-col\" ><div class='pt-cv-ifield'><a href=\"https:\/\/www.dmsjuridica.com\/buscador_20179478954\/corteconstitucionalcronologico202454587\/t-074-03\/\" class=\"_self pt-cv-href-thumbnail pt-cv-thumb-default\" target=\"_self\" ><\/a>\n<div class=\"pt-cv-taxoterm above_title\"><a href='https:\/\/www.dmsjuridica.com\/buscador_20179478954\/corteconstitucionalcronologico202454587\/category\/buscar-en-toda-la-corte\/2003\/tutelas-2003\/' title='Tutelas 2003' class='pt-cv-tax-tutelas-2003'>Tutelas 2003<\/a><\/div>\n<h4 class=\"pt-cv-title\"><a href=\"https:\/\/www.dmsjuridica.com\/buscador_20179478954\/corteconstitucionalcronologico202454587\/t-074-03\/\" class=\"_self\" target=\"_self\" >T-074-03<\/a><\/h4>\n<div class=\"pt-cv-content\">\u00a0 \u00a0 Sentencia T-074\/03 \u00a0 ESTABLECIMIENTO HOSPITALARIO-Situaci\u00f3n econ\u00f3mica o presupuestal no es \u00f3bice para desconocer obligaciones laborales \u00a0 DERECHO AL TRABAJO EN CONDICIONES DIGNAS Y JUSTAS-Pago oportuno de salarios atrasados \u00a0 DERECHO AL MINIMO VITAL DEL TRABAJADOR-Pago oportuno de salarios \u00a0 ACCION DE TUTELA-Procedencia excepcional pago de acreencias laborales \u00a0 Reiteraci\u00f3n de Jurisprudencia \u00a0 Referencia: expediente T-652114 \u00a0 Acci\u00f3n de tutela instaurada por Rosa Daza Pab\u00f3n contra el Hospital Nuestra Se\u00f1ora del Pilar \u00a0 Magistrado Ponente: \u00a0 Dr. RODRIGO ESCOBAR GIL \u00a0 Bogot\u00e1 D. C., cinco (5) de febrero de dos mil tres (2003). \u00a0 La Sala Quinta \u00a0de Revisi\u00f3n ...<br \/><div class=\"pt-cv-rmwrap\"><a href=\"https:\/\/www.dmsjuridica.com\/buscador_20179478954\/corteconstitucionalcronologico202454587\/t-074-03\/\" class=\"_self pt-cv-readmore btn btn-success\" target=\"_self\">Ver Sentencia Completa...<\/a><\/div><\/div><\/div><\/div>\n<div class=\"col-md-12 col-sm-12 col-xs-12 pt-cv-content-item pt-cv-1-col\" ><div class='pt-cv-ifield'><a href=\"https:\/\/www.dmsjuridica.com\/buscador_20179478954\/corteconstitucionalcronologico202454587\/t-062-03\/\" class=\"_self pt-cv-href-thumbnail pt-cv-thumb-default\" target=\"_self\" ><\/a>\n<div class=\"pt-cv-taxoterm above_title\"><a href='https:\/\/www.dmsjuridica.com\/buscador_20179478954\/corteconstitucionalcronologico202454587\/category\/buscar-en-toda-la-corte\/2003\/tutelas-2003\/' title='Tutelas 2003' class='pt-cv-tax-tutelas-2003'>Tutelas 2003<\/a><\/div>\n<h4 class=\"pt-cv-title\"><a href=\"https:\/\/www.dmsjuridica.com\/buscador_20179478954\/corteconstitucionalcronologico202454587\/t-062-03\/\" class=\"_self\" target=\"_self\" >T-062-03<\/a><\/h4>\n<div class=\"pt-cv-content\">\u00a0 \u00a0 Sentencia T-062\/03 \u00a0 DERECHO A LA SALUD DE PERSONA DE LA TERCERA EDAD-No se pueden oponer periodos m\u00ednimos de cotizaci\u00f3n ante situaci\u00f3n de urgencia \u00a0 ENFERMEDADES CATASTROFICAS O RUINOSAS-Periodo m\u00ednimo de cotizaci\u00f3n no es extensivo a casos de urgencia o gravedad\/DERECHO A LA SALUD-Fundamental por conexidad con la vida \u00a0 ENTIDAD PROMOTORA DE SALUD-Demora en pr\u00e1ctica de cirug\u00eda por motivos econ\u00f3micos y administrativos \u00a0 ACCION DE TUTELA-Carencia actual de objeto por fallecimiento del enfermo \u00a0 Reiteraci\u00f3n de Jurisprudencia \u00a0 Referencia: expediente T-649820 \u00a0 Acci\u00f3n de tutela instaurada por Noralba Quirama Rico contra FAMISANAR E.P.S.. \u00a0 Magistrado Ponente: \u00a0 ...<br \/><div class=\"pt-cv-rmwrap\"><a href=\"https:\/\/www.dmsjuridica.com\/buscador_20179478954\/corteconstitucionalcronologico202454587\/t-062-03\/\" class=\"_self pt-cv-readmore btn btn-success\" target=\"_self\">Ver Sentencia Completa...<\/a><\/div><\/div><\/div><\/div>\n<div class=\"col-md-12 col-sm-12 col-xs-12 pt-cv-content-item pt-cv-1-col\" ><div class='pt-cv-ifield'><a href=\"https:\/\/www.dmsjuridica.com\/buscador_20179478954\/corteconstitucionalcronologico202454587\/t-061-03\/\" class=\"_self pt-cv-href-thumbnail pt-cv-thumb-default\" target=\"_self\" ><\/a>\n<div class=\"pt-cv-taxoterm above_title\"><a href='https:\/\/www.dmsjuridica.com\/buscador_20179478954\/corteconstitucionalcronologico202454587\/category\/buscar-en-toda-la-corte\/2003\/tutelas-2003\/' title='Tutelas 2003' class='pt-cv-tax-tutelas-2003'>Tutelas 2003<\/a><\/div>\n<h4 class=\"pt-cv-title\"><a href=\"https:\/\/www.dmsjuridica.com\/buscador_20179478954\/corteconstitucionalcronologico202454587\/t-061-03\/\" class=\"_self\" target=\"_self\" >T-061-03<\/a><\/h4>\n<div class=\"pt-cv-content\">\u00a0 \u00a0 Sentencia T-061\/03 \u00a0 DERECHO A LA SALUD-Fundamental por conexidad con la vida \u00a0 PLAN OBLIGATORIO DE SALUD-Exclusiones y limitaciones \u00a0 INAPLICACION DE NORMAS DEL PLAN OBLIGATORIO DE SALUD-Casos en que procede por exclusi\u00f3n de medicamentos y tratamientos de alto costo \u00a0 DERECHO A LA CONTINUIDAD EN EL SERVICIO DE SALUD-Necesidad de realizar ex\u00e1menes prescritos por m\u00e9dico tratante \u00a0 DERECHO A LA SALUD-Incorpora el derecho al diagn\u00f3stico \u00a0 DERECHO A LA SALUD-Cumplimiento de \u00f3rdenes m\u00e9dicas \u00a0 Reiteraci\u00f3n de Jurisprudencia \u00a0 Referencia: expediente T-653726 \u00a0 Acci\u00f3n de tutela instaurada por Jorge Armando Delgado contra SALUDCOOP E.P.S. y otro. \u00a0 Magistrado ...<br \/><div class=\"pt-cv-rmwrap\"><a href=\"https:\/\/www.dmsjuridica.com\/buscador_20179478954\/corteconstitucionalcronologico202454587\/t-061-03\/\" class=\"_self pt-cv-readmore btn btn-success\" target=\"_self\">Ver Sentencia Completa...<\/a><\/div><\/div><\/div><\/div>\n<div class=\"col-md-12 col-sm-12 col-xs-12 pt-cv-content-item pt-cv-1-col\" ><div class='pt-cv-ifield'><a href=\"https:\/\/www.dmsjuridica.com\/buscador_20179478954\/corteconstitucionalcronologico202454587\/t-060-03\/\" class=\"_self pt-cv-href-thumbnail pt-cv-thumb-default\" target=\"_self\" ><\/a>\n<div class=\"pt-cv-taxoterm above_title\"><a href='https:\/\/www.dmsjuridica.com\/buscador_20179478954\/corteconstitucionalcronologico202454587\/category\/buscar-en-toda-la-corte\/2003\/tutelas-2003\/' title='Tutelas 2003' class='pt-cv-tax-tutelas-2003'>Tutelas 2003<\/a><\/div>\n<h4 class=\"pt-cv-title\"><a href=\"https:\/\/www.dmsjuridica.com\/buscador_20179478954\/corteconstitucionalcronologico202454587\/t-060-03\/\" class=\"_self\" target=\"_self\" >T-060-03<\/a><\/h4>\n<div class=\"pt-cv-content\">\u00a0 \u00a0 Sentencia T-060\/03 \u00a0 HABEAS DATA-Alcance \u00a0 HABEAS DATA-N\u00facleo esencial \u00a0 BANCO DE DATOS-Informaci\u00f3n negativa no puede tornarse perenne \u00a0 BANCO DE DATOS-Caracter\u00edsticas de la informaci\u00f3n\u00a0 \u00a0 La informaci\u00f3n registrada en los bancos o bases de datos ya mencionados, se caracterizar\u00e1 por ser veraz, pues corresponder\u00e1 con los hechos que la originan; din\u00e1mica, porque permanentemente deber\u00e1 actualizarse a fin de reflejar su verdad impl\u00edcita, y finalmente, ser\u00e1 susceptible de rectificaci\u00f3n cuantas veces sea necesario o cada vez que se genere una nueva informaci\u00f3n. Sin embargo, el que se genere una nueva informaci\u00f3n, no significa que la que se torna ...<br \/><div class=\"pt-cv-rmwrap\"><a href=\"https:\/\/www.dmsjuridica.com\/buscador_20179478954\/corteconstitucionalcronologico202454587\/t-060-03\/\" class=\"_self pt-cv-readmore btn btn-success\" target=\"_self\">Ver Sentencia Completa...<\/a><\/div><\/div><\/div><\/div>\n<div class=\"col-md-12 col-sm-12 col-xs-12 pt-cv-content-item pt-cv-1-col\" ><div class='pt-cv-ifield'><a href=\"https:\/\/www.dmsjuridica.com\/buscador_20179478954\/corteconstitucionalcronologico202454587\/t-059-03\/\" class=\"_self pt-cv-href-thumbnail pt-cv-thumb-default\" target=\"_self\" ><\/a>\n<div class=\"pt-cv-taxoterm above_title\"><a href='https:\/\/www.dmsjuridica.com\/buscador_20179478954\/corteconstitucionalcronologico202454587\/category\/buscar-en-toda-la-corte\/2003\/tutelas-2003\/' title='Tutelas 2003' class='pt-cv-tax-tutelas-2003'>Tutelas 2003<\/a><\/div>\n<h4 class=\"pt-cv-title\"><a href=\"https:\/\/www.dmsjuridica.com\/buscador_20179478954\/corteconstitucionalcronologico202454587\/t-059-03\/\" class=\"_self\" target=\"_self\" >T-059-03<\/a><\/h4>\n<div class=\"pt-cv-content\">\u00a0 \u00a0 Sentencia T-059\/03 \u00a0 DERECHO A LA SEGURIDAD SOCIAL-Fundamental por conexidad \u00a0 DERECHO A LA SEGURIDAD SOCIAL DE PERSONA DE LA TERCERA EDAD-Aplicaci\u00f3n inmediata \u00a0 DERECHO DE PETICION-T\u00e9rmino para resolver solicitudes en materia pensional \u00a0 BONOS PENSIONALES-Demora en emisi\u00f3n afecta derechos fundamentales\/VIA DE HECHO-Se niega pensi\u00f3n por demora en emisi\u00f3n del bono\/BONOS PENSIONALES-No emisi\u00f3n no es obst\u00e1culo para obtener pensi\u00f3n de jubilaci\u00f3n \u00a0 Reiteraci\u00f3n de Jurisprudencia \u00a0 Referencia: expediente T-644754 \u00a0 Acci\u00f3n de tutela instaurada por Eliseo \u00c1ngel Renter\u00eda Renter\u00eda contra el Seguro Social \u2013Seccional Quibd\u00f3. \u00a0 Magistrado Ponente: \u00a0 Dr. JAIME C\u00d3RDOBA TRIVI\u00d1O\u00a0 \u00a0 Bogot\u00e1, D.C., treinta (30) ...<br \/><div class=\"pt-cv-rmwrap\"><a href=\"https:\/\/www.dmsjuridica.com\/buscador_20179478954\/corteconstitucionalcronologico202454587\/t-059-03\/\" class=\"_self pt-cv-readmore btn btn-success\" target=\"_self\">Ver Sentencia Completa...<\/a><\/div><\/div><\/div><\/div>\n<div class=\"col-md-12 col-sm-12 col-xs-12 pt-cv-content-item pt-cv-1-col\" ><div class='pt-cv-ifield'><a href=\"https:\/\/www.dmsjuridica.com\/buscador_20179478954\/corteconstitucionalcronologico202454587\/t-056-03\/\" class=\"_self pt-cv-href-thumbnail pt-cv-thumb-default\" target=\"_self\" ><\/a>\n<div class=\"pt-cv-taxoterm above_title\"><a href='https:\/\/www.dmsjuridica.com\/buscador_20179478954\/corteconstitucionalcronologico202454587\/category\/buscar-en-toda-la-corte\/2003\/tutelas-2003\/' title='Tutelas 2003' class='pt-cv-tax-tutelas-2003'>Tutelas 2003<\/a><\/div>\n<h4 class=\"pt-cv-title\"><a href=\"https:\/\/www.dmsjuridica.com\/buscador_20179478954\/corteconstitucionalcronologico202454587\/t-056-03\/\" class=\"_self\" target=\"_self\" >T-056-03<\/a><\/h4>\n<div class=\"pt-cv-content\">\u00a0 \u00a0 Sentencia T-056\/03 \u00a0 ACCION DE TUTELA-Procedencia excepcional pago de acreencias laborales \u00a0 ACCION DE TUTELA-Inexistencia de perjuicio irremediable \u00a0 ACCION DE TUTELA-Subsidiariedad \u00a0 EMPLEADOR-Inexistencia de negligencia en crisis econ\u00f3mica o presupuestal no exime el pago de salarios \u00a0 Reiteraci\u00f3n de Jurisprudencia \u00a0 Referencia: expedientes T-641388 y T-649391. \u00a0 Acciones de tutela instauradas por Melania Valois Lozano, Wladimiro C\u00f3rdoba Copete, Margarita Galindo Vente y Jos\u00e9 Di\u00f3genes Palacios Mosquera contra el Departamento de Choc\u00f3 y la Asamblea Departamental de Choc\u00f3. \u00a0 Magistrado Ponente: \u00a0 Dr. ALVARO TAFUR GALVIS \u00a0 Bogot\u00e1 D.C., veintiocho (28) de enero de dos mil tres (2003) ...<br \/><div class=\"pt-cv-rmwrap\"><a href=\"https:\/\/www.dmsjuridica.com\/buscador_20179478954\/corteconstitucionalcronologico202454587\/t-056-03\/\" class=\"_self pt-cv-readmore btn btn-success\" target=\"_self\">Ver Sentencia Completa...<\/a><\/div><\/div><\/div><\/div>\n<div class=\"col-md-12 col-sm-12 col-xs-12 pt-cv-content-item pt-cv-1-col\" ><div class='pt-cv-ifield'><a href=\"https:\/\/www.dmsjuridica.com\/buscador_20179478954\/corteconstitucionalcronologico202454587\/t-055-03\/\" class=\"_self pt-cv-href-thumbnail pt-cv-thumb-default\" target=\"_self\" ><\/a>\n<div class=\"pt-cv-taxoterm above_title\"><a href='https:\/\/www.dmsjuridica.com\/buscador_20179478954\/corteconstitucionalcronologico202454587\/category\/buscar-en-toda-la-corte\/2003\/tutelas-2003\/' title='Tutelas 2003' class='pt-cv-tax-tutelas-2003'>Tutelas 2003<\/a><\/div>\n<h4 class=\"pt-cv-title\"><a href=\"https:\/\/www.dmsjuridica.com\/buscador_20179478954\/corteconstitucionalcronologico202454587\/t-055-03\/\" class=\"_self\" target=\"_self\" >T-055-03<\/a><\/h4>\n<div class=\"pt-cv-content\">\u00a0 \u00a0 Sentencia T-055\/03 \u00a0 EMPLEADOR-Reajuste de prestaciones sociales y pago de indemnizaci\u00f3n moratoria a extrabajadores \u00a0 SUSTITUCION PATRONAL-Continuidad en los contratos de trabajo \u00a0 La variaci\u00f3n en la persona del patrono no afecta la continuidad del contrato de trabajo, puesto que, sustituido el patrono, mientras contin\u00fae la prestaci\u00f3n personal del servicio por parte del trabajador, el entrante toma la posici\u00f3n del cedente, sin soluci\u00f3n de continuidad, y los patronos, entrante y saliente, responden solidariamente de las obligaciones salariales y prestacionales que a la fecha de la sustituci\u00f3n sean exigibles. \u00a0 ACCION DE TUTELA CONTRA PROVIDENCIAS JUDICIALES-Improcedencia por no existir ...<br \/><div class=\"pt-cv-rmwrap\"><a href=\"https:\/\/www.dmsjuridica.com\/buscador_20179478954\/corteconstitucionalcronologico202454587\/t-055-03\/\" class=\"_self pt-cv-readmore btn btn-success\" target=\"_self\">Ver Sentencia Completa...<\/a><\/div><\/div><\/div><\/div>\n<div class=\"col-md-12 col-sm-12 col-xs-12 pt-cv-content-item pt-cv-1-col\" ><div class='pt-cv-ifield'><a href=\"https:\/\/www.dmsjuridica.com\/buscador_20179478954\/corteconstitucionalcronologico202454587\/t-054-03\/\" class=\"_self pt-cv-href-thumbnail pt-cv-thumb-default\" target=\"_self\" ><\/a>\n<div class=\"pt-cv-taxoterm above_title\"><a href='https:\/\/www.dmsjuridica.com\/buscador_20179478954\/corteconstitucionalcronologico202454587\/category\/buscar-en-toda-la-corte\/2003\/tutelas-2003\/' title='Tutelas 2003' class='pt-cv-tax-tutelas-2003'>Tutelas 2003<\/a><\/div>\n<h4 class=\"pt-cv-title\"><a href=\"https:\/\/www.dmsjuridica.com\/buscador_20179478954\/corteconstitucionalcronologico202454587\/t-054-03\/\" class=\"_self\" target=\"_self\" >T-054-03<\/a><\/h4>\n<div class=\"pt-cv-content\">\u00a0 \u00a0 Sentencia T-054\/03 \u00a0 SENTENCIA DE TUTELA-Objeto de la revisi\u00f3n \u00a0 ACCION DE TUTELA CONTRA PROVIDENCIAS JUDICIALES-Procedencia excepcional por v\u00eda de hecho judicial \u00a0 DETENCION PREVENTIVA-C\u00f3mputo como parte de la pena\/DETENCION PREVENTIVA-Duraci\u00f3n \u00a0 ACCION DE TUTELA-Improcedencia por cuanto el peticionario cuenta con el recurso de habeas c\u00f3rpus\/ACCION DE TUTELA-Improcedencia para proteger la libertad personal \u00a0 En el caso bajo estudio el actor cuenta con otro medio de defensa judicial para proteger de manera efectiva los derechos fundamentales presuntamente vulnerados por las autoridades judiciales contra las que se dirigi\u00f3 la acci\u00f3n de tutela. \u201cTiene derecho a invocar el Habeas Corpus\u201d ...<br \/><div class=\"pt-cv-rmwrap\"><a href=\"https:\/\/www.dmsjuridica.com\/buscador_20179478954\/corteconstitucionalcronologico202454587\/t-054-03\/\" class=\"_self pt-cv-readmore btn btn-success\" target=\"_self\">Ver Sentencia Completa...<\/a><\/div><\/div><\/div><\/div>\n<div class=\"col-md-12 col-sm-12 col-xs-12 pt-cv-content-item pt-cv-1-col\" ><div class='pt-cv-ifield'><a href=\"https:\/\/www.dmsjuridica.com\/buscador_20179478954\/corteconstitucionalcronologico202454587\/t-053-03\/\" class=\"_self pt-cv-href-thumbnail pt-cv-thumb-default\" target=\"_self\" ><\/a>\n<div class=\"pt-cv-taxoterm above_title\"><a href='https:\/\/www.dmsjuridica.com\/buscador_20179478954\/corteconstitucionalcronologico202454587\/category\/buscar-en-toda-la-corte\/2003\/tutelas-2003\/' title='Tutelas 2003' class='pt-cv-tax-tutelas-2003'>Tutelas 2003<\/a><\/div>\n<h4 class=\"pt-cv-title\"><a href=\"https:\/\/www.dmsjuridica.com\/buscador_20179478954\/corteconstitucionalcronologico202454587\/t-053-03\/\" class=\"_self\" target=\"_self\" >T-053-03<\/a><\/h4>\n<div class=\"pt-cv-content\">\u00a0 \u00a0 Sentencia T-053\/03 \u00a0 ACCION DE TUTELA-Procedencia \u00a0 Podemos diferenciar dos eventos en los que procede esta acci\u00f3n constitucional i) cuando se amenaza o vulnera un derecho fundamental y no se cuenta con otro medio id\u00f3neo de defensa judicial y ii) cuando se amenaza o vulnera un derecho fundamental y a pesar de contar con otros mecanismos id\u00f3neos de defensa judicial se solicite la tutela como mecanismo transitorio para evitar un perjuicio irremediable. En los dos eventos anotados la procedibilidad de la acci\u00f3n se erige sobre el desconocimiento o amenaza de un derecho fundamental, luego si quien solicita el ...<br \/><div class=\"pt-cv-rmwrap\"><a href=\"https:\/\/www.dmsjuridica.com\/buscador_20179478954\/corteconstitucionalcronologico202454587\/t-053-03\/\" class=\"_self pt-cv-readmore btn btn-success\" target=\"_self\">Ver Sentencia Completa...<\/a><\/div><\/div><\/div><\/div>\n<div class=\"col-md-12 col-sm-12 col-xs-12 pt-cv-content-item pt-cv-1-col\" ><div class='pt-cv-ifield'><a href=\"https:\/\/www.dmsjuridica.com\/buscador_20179478954\/corteconstitucionalcronologico202454587\/t-052-03\/\" class=\"_self pt-cv-href-thumbnail pt-cv-thumb-default\" target=\"_self\" ><\/a>\n<div class=\"pt-cv-taxoterm above_title\"><a href='https:\/\/www.dmsjuridica.com\/buscador_20179478954\/corteconstitucionalcronologico202454587\/category\/buscar-en-toda-la-corte\/2003\/tutelas-2003\/' title='Tutelas 2003' class='pt-cv-tax-tutelas-2003'>Tutelas 2003<\/a><\/div>\n<h4 class=\"pt-cv-title\"><a href=\"https:\/\/www.dmsjuridica.com\/buscador_20179478954\/corteconstitucionalcronologico202454587\/t-052-03\/\" class=\"_self\" target=\"_self\" >T-052-03<\/a><\/h4>\n<div class=\"pt-cv-content\">\u00a0 \u00a0 \u00a0\u00a0 \u00a0 \u00a0 \u00a0 \u00a0 \u00a0 \u00a0 \u00a0 \u00a0 \u00a0 \u00a0 \u00a0 \u00a0 \u00a0 \u00a0 \u00a0 \u00a0 \u00a0 \u00a0 \u00a0 \u00a0 \u00a0 \u00a0 \u00a0 \u00a0 \u00a0 \u00a0 \u00a0 \u00a0 \u00a0 \u00a0 \u00a0 \u00a0 \u00a0 \u00a0 \u00a0 \u00a0 \u00a0 \u00a0 \u00a0 \u00a0 \u00a0 \u00a0 \u00a0 \u00a0 \u00a0 \u00a0 \u00a0 \u00a0 \u00a0 \u00a0 \u00a0 \u00a0 \u00a0 \u00a0 \u00a0 \u00a0 \u00a0 \u00a0 \u00a0 \u00a0 \u00a0 \u00a0 \u00a0 \u00a0 \u00a0 \u00a0 \u00a0 \u00a0 \u00a0 \u00a0 \u00a0 \u00a0 \u00a0 \u00a0 \u00a0 \u00a0 \u00a0 \u00a0 \u00a0 \u00a0 \u00a0 \u00a0 \u00a0 \u00a0 \u00a0 \u00a0 \u00a0 \u00a0 \u00a0 \u00a0 \u00a0 \u00a0 \u00a0 \u00a0 \u00a0 \u00a0 \u00a0 ...<br \/><div class=\"pt-cv-rmwrap\"><a href=\"https:\/\/www.dmsjuridica.com\/buscador_20179478954\/corteconstitucionalcronologico202454587\/t-052-03\/\" class=\"_self pt-cv-readmore btn btn-success\" target=\"_self\">Ver Sentencia Completa...<\/a><\/div><\/div><\/div><\/div>\n<div class=\"col-md-12 col-sm-12 col-xs-12 pt-cv-content-item pt-cv-1-col\" ><div class='pt-cv-ifield'><a href=\"https:\/\/www.dmsjuridica.com\/buscador_20179478954\/corteconstitucionalcronologico202454587\/t-051-03\/\" class=\"_self pt-cv-href-thumbnail pt-cv-thumb-default\" target=\"_self\" ><\/a>\n<div class=\"pt-cv-taxoterm above_title\"><a href='https:\/\/www.dmsjuridica.com\/buscador_20179478954\/corteconstitucionalcronologico202454587\/category\/buscar-en-toda-la-corte\/2003\/tutelas-2003\/' title='Tutelas 2003' class='pt-cv-tax-tutelas-2003'>Tutelas 2003<\/a><\/div>\n<h4 class=\"pt-cv-title\"><a href=\"https:\/\/www.dmsjuridica.com\/buscador_20179478954\/corteconstitucionalcronologico202454587\/t-051-03\/\" class=\"_self\" target=\"_self\" >T-051-03<\/a><\/h4>\n<div class=\"pt-cv-content\">\u00a0 \u00a0 Sentencia T-051\/03 \u00a0 DERECHO DE PETICION-Resoluci\u00f3n oportuna y de fondo \u00a0 Reiteraci\u00f3n de Jurisprudencia \u00a0 \u00a0 Referencia: expediente T-650635 \u00a0 Acci\u00f3n de tutela instaurada por Mar\u00eda Cristina Marmolejo Carvajal contra el Instituto de Seguros Sociales. \u00a0 Magistrado Ponente: \u00a0 Dr. MANUEL JOSE CEPEDA ESPINOSA \u00a0 Bogot\u00e1, D.C., treinta (30) de enero de dos mil tres (2003). \u00a0 La Sala Tercera de Revisi\u00f3n de la Corte Constitucional, en ejercicio de sus competencias constitucionales y legales, en particular las contenidas en los art\u00edculos 86 y 241, numeral 9, de la Constituci\u00f3n y el Decreto 2591 de 1991, ha proferido la ...<br \/><div class=\"pt-cv-rmwrap\"><a href=\"https:\/\/www.dmsjuridica.com\/buscador_20179478954\/corteconstitucionalcronologico202454587\/t-051-03\/\" class=\"_self pt-cv-readmore btn btn-success\" target=\"_self\">Ver Sentencia Completa...<\/a><\/div><\/div><\/div><\/div>\n<div class=\"col-md-12 col-sm-12 col-xs-12 pt-cv-content-item pt-cv-1-col\" ><div class='pt-cv-ifield'><a href=\"https:\/\/www.dmsjuridica.com\/buscador_20179478954\/corteconstitucionalcronologico202454587\/t-050-03\/\" class=\"_self pt-cv-href-thumbnail pt-cv-thumb-default\" target=\"_self\" ><\/a>\n<div class=\"pt-cv-taxoterm above_title\"><a href='https:\/\/www.dmsjuridica.com\/buscador_20179478954\/corteconstitucionalcronologico202454587\/category\/buscar-en-toda-la-corte\/2003\/tutelas-2003\/' title='Tutelas 2003' class='pt-cv-tax-tutelas-2003'>Tutelas 2003<\/a><\/div>\n<h4 class=\"pt-cv-title\"><a href=\"https:\/\/www.dmsjuridica.com\/buscador_20179478954\/corteconstitucionalcronologico202454587\/t-050-03\/\" class=\"_self\" target=\"_self\" >T-050-03<\/a><\/h4>\n<div class=\"pt-cv-content\">\u00a0 \u00a0 Sentencia T-050\/03 \u00a0 ACCION DE TUTELA-Carencia actual de objeto \u00a0 Reiteraci\u00f3n de Jurisprudencia \u00a0 Referencia: expediente T-650282 \u00a0 Acci\u00f3n de tutela instaurada por Luz Marina Bustos de Sotelo contra Cruz Blanca, E.P.S. \u00a0 Magistrado Ponente: \u00a0 Dr. MANUEL JOS\u00c9 CEPEDA ESPINOSA \u00a0 Bogot\u00e1, D.C., treinta (30) de enero de dos mil tres (2003). \u00a0 1. Luz Marina Bustos de Sotelo interpuso acci\u00f3n de tutela contra Cruz Blanca, E.P.S. por considerar que esta entidad le hab\u00eda violado sus derechos a la salud y a la vida al negarse a suministrar la droga que necesita (toxina botul\u00ednica) para atender la ...<br \/><div class=\"pt-cv-rmwrap\"><a href=\"https:\/\/www.dmsjuridica.com\/buscador_20179478954\/corteconstitucionalcronologico202454587\/t-050-03\/\" class=\"_self pt-cv-readmore btn btn-success\" target=\"_self\">Ver Sentencia Completa...<\/a><\/div><\/div><\/div><\/div>\n<div class=\"col-md-12 col-sm-12 col-xs-12 pt-cv-content-item pt-cv-1-col\" ><div class='pt-cv-ifield'><a href=\"https:\/\/www.dmsjuridica.com\/buscador_20179478954\/corteconstitucionalcronologico202454587\/t-049-03\/\" class=\"_self pt-cv-href-thumbnail pt-cv-thumb-default\" target=\"_self\" ><\/a>\n<div class=\"pt-cv-taxoterm above_title\"><a href='https:\/\/www.dmsjuridica.com\/buscador_20179478954\/corteconstitucionalcronologico202454587\/category\/buscar-en-toda-la-corte\/2003\/tutelas-2003\/' title='Tutelas 2003' class='pt-cv-tax-tutelas-2003'>Tutelas 2003<\/a><\/div>\n<h4 class=\"pt-cv-title\"><a href=\"https:\/\/www.dmsjuridica.com\/buscador_20179478954\/corteconstitucionalcronologico202454587\/t-049-03\/\" class=\"_self\" target=\"_self\" >T-049-03<\/a><\/h4>\n<div class=\"pt-cv-content\">\u00a0 \u00a0 \u00a0 \u00a0 Sentencia T-049\/03 \u00a0 ACCION DE TUTELA-Procedencia excepcional pago de acreencias laborales\/DERECHO AL MINIMO VITAL DEL PENSIONADO-Pago oportuno de mesadas \u00a0 \u00a0 \u00a0 \u00a0 \u00a0Referencia: expediente T-682523 \u00a0 Peticionario: Mar\u00eda Guadalupe Gu\u00edllin Hern\u00e1ndez \u00a0 \u00a0 \u00a0 \u00a0 \u00a0Magistrado Ponente: \u00a0 \u00a0 \u00a0 \u00a0 \u00a0Dr. ALFREDO BELTR\u00c1N SIERRA. \u00a0 Bogot\u00e1, D.C., treinta (30) de enero de \u00a0dos mil tres (2003). \u00a0 La Sala Segunda de Revisi\u00f3n de la Corte Constitucional, integrada por los magistrados, Alfredo Beltr\u00e1n Sierra, Manuel Jos\u00e9 Cepeda Espinosa y Jaime C\u00f3rdoba Trivi\u00f1o, en ejercicio de sus competencias constitucionales y legales, ha proferido la siguiente : ...<br \/><div class=\"pt-cv-rmwrap\"><a href=\"https:\/\/www.dmsjuridica.com\/buscador_20179478954\/corteconstitucionalcronologico202454587\/t-049-03\/\" class=\"_self pt-cv-readmore btn btn-success\" target=\"_self\">Ver Sentencia Completa...<\/a><\/div><\/div><\/div><\/div>\n<div class=\"col-md-12 col-sm-12 col-xs-12 pt-cv-content-item pt-cv-1-col\" ><div class='pt-cv-ifield'><a href=\"https:\/\/www.dmsjuridica.com\/buscador_20179478954\/corteconstitucionalcronologico202454587\/t-048-03\/\" class=\"_self pt-cv-href-thumbnail pt-cv-thumb-default\" target=\"_self\" ><\/a>\n<div class=\"pt-cv-taxoterm above_title\"><a href='https:\/\/www.dmsjuridica.com\/buscador_20179478954\/corteconstitucionalcronologico202454587\/category\/buscar-en-toda-la-corte\/2003\/tutelas-2003\/' title='Tutelas 2003' class='pt-cv-tax-tutelas-2003'>Tutelas 2003<\/a><\/div>\n<h4 class=\"pt-cv-title\"><a href=\"https:\/\/www.dmsjuridica.com\/buscador_20179478954\/corteconstitucionalcronologico202454587\/t-048-03\/\" class=\"_self\" target=\"_self\" >T-048-03<\/a><\/h4>\n<div class=\"pt-cv-content\">\u00a0 \u00a0 Sentencia T-048\/03 \u00a0 ENFERMEDADES CATASTROFICAS O RUINOSAS-Suministro de tratamiento por EPS sin cumplir periodo m\u00ednimo de cotizaci\u00f3n\/ENFERMEDADES CATASTROFICAS O RUINOSAS-Tratamiento para el c\u00e1ncer \u00a0 DERECHO A LA SALUD Y A LA VIDA-Suministro de medicamentos para el c\u00e1ncer excluidos del POS \u00a0 PRINCIPIO DE CONTINUIDAD POR ENTIDAD PROMOTORA DE SALUD-Suministro de medicamento suspendido por no estar incluido en POS \u00a0 ENTIDAD PROMOTORA DE SALUD-Repetici\u00f3n contra el Fosyga \u00a0 Referencia: expediente T- 678.494 \u00a0 Acci\u00f3n de tutela instaurada por Isidro Merch\u00e1n contra la E.P.S. Saludvida S.A. Seccional Bogot\u00e1 \u00a0 Procedencia: Juzgado 26 Civil Municipal de Bogot\u00e1 \u00a0 Magistrado Ponente: \u00a0 ...<br \/><div class=\"pt-cv-rmwrap\"><a href=\"https:\/\/www.dmsjuridica.com\/buscador_20179478954\/corteconstitucionalcronologico202454587\/t-048-03\/\" class=\"_self pt-cv-readmore btn btn-success\" target=\"_self\">Ver Sentencia Completa...<\/a><\/div><\/div><\/div><\/div>\n<div class=\"col-md-12 col-sm-12 col-xs-12 pt-cv-content-item pt-cv-1-col\" ><div class='pt-cv-ifield'><a href=\"https:\/\/www.dmsjuridica.com\/buscador_20179478954\/corteconstitucionalcronologico202454587\/t-047-03\/\" class=\"_self pt-cv-href-thumbnail pt-cv-thumb-default\" target=\"_self\" ><\/a>\n<div class=\"pt-cv-taxoterm above_title\"><a href='https:\/\/www.dmsjuridica.com\/buscador_20179478954\/corteconstitucionalcronologico202454587\/category\/buscar-en-toda-la-corte\/2003\/tutelas-2003\/' title='Tutelas 2003' class='pt-cv-tax-tutelas-2003'>Tutelas 2003<\/a><\/div>\n<h4 class=\"pt-cv-title\"><a href=\"https:\/\/www.dmsjuridica.com\/buscador_20179478954\/corteconstitucionalcronologico202454587\/t-047-03\/\" class=\"_self\" target=\"_self\" >T-047-03<\/a><\/h4>\n<div class=\"pt-cv-content\">\u00a0 \u00a0 Sentencia T-047\/03 \u00a0 DEBER DE SEGURIDAD SOCIAL CON LA FAMILIA-Alcance \u00a0 PRINCIPIO DE SOLIDARIDAD DEL ESTADO-Debe estar probada la falta de recursos econ\u00f3micos \u00a0 DERECHO A LA SALUD-Insolvencia econ\u00f3mica para sufragar medicamentos \u00a0 ENTIDAD PROMOTORA DE SALUD-Suministro de barreras protectoras y bolsas de colostom\u00eda \u00a0 Referencia: expediente T- 677793 \u00a0 Acci\u00f3n de tutela presentada por el se\u00f1or Humberto Segura Barbosa, como agente oficioso de la se\u00f1ora Julia Rodr\u00edguez de Segura, en contra de Compensar EPS. \u00a0 Magistrado Ponente:\u00a0 \u00a0 Dr. ALFREDO BELTR\u00c1N SIERRA \u00a0 Bogot\u00e1, D.C., treinta (30) de enero de dos mil tres (2003). \u00a0 La Sala ...<br \/><div class=\"pt-cv-rmwrap\"><a href=\"https:\/\/www.dmsjuridica.com\/buscador_20179478954\/corteconstitucionalcronologico202454587\/t-047-03\/\" class=\"_self pt-cv-readmore btn btn-success\" target=\"_self\">Ver Sentencia Completa...<\/a><\/div><\/div><\/div><\/div>\n<div class=\"col-md-12 col-sm-12 col-xs-12 pt-cv-content-item pt-cv-1-col\" ><div class='pt-cv-ifield'><a href=\"https:\/\/www.dmsjuridica.com\/buscador_20179478954\/corteconstitucionalcronologico202454587\/t-046-03\/\" class=\"_self pt-cv-href-thumbnail pt-cv-thumb-default\" target=\"_self\" ><\/a>\n<div class=\"pt-cv-taxoterm above_title\"><a href='https:\/\/www.dmsjuridica.com\/buscador_20179478954\/corteconstitucionalcronologico202454587\/category\/buscar-en-toda-la-corte\/2003\/tutelas-2003\/' title='Tutelas 2003' class='pt-cv-tax-tutelas-2003'>Tutelas 2003<\/a><\/div>\n<h4 class=\"pt-cv-title\"><a href=\"https:\/\/www.dmsjuridica.com\/buscador_20179478954\/corteconstitucionalcronologico202454587\/t-046-03\/\" class=\"_self\" target=\"_self\" >T-046-03<\/a><\/h4>\n<div class=\"pt-cv-content\">\u00a0 \u00a0 \u00a0 \u00a0 DERECHO A LA SALUD-Fundamental por conexidad con la vida \u00a0 DERECHO A LA SALUD DEL DISMINUIDO FISICO-Procedimiento quir\u00fargico e implantaci\u00f3n de pr\u00f3tesis \u00a0 SISTEMA DE SEGURIDAD SOCIAL EN SALUD-Servicios asistenciales derivados de accidente de trabajo o enfermedad profesional deben prestarse por EPS \u00a0 ENTIDAD PROMOTORA DE SALUD-Autorizaci\u00f3n de tratamiento m\u00e9dico a persona afiliada al momento del accidente\/ENTIDAD PROMOTORA DE SALUD-Responsabilidad por tratamiento m\u00e9dico y aparato ortop\u00e9dico \u00a0 ENTIDAD PROMOTORA DE SALUD-Repetici\u00f3n contra el Fosyga \u00a0 Referencia: expediente T- 664758 \u00a0 Actor: Lucinio Bol\u00edvar Jim\u00e9nez \u00a0 Procedencia: Tribunal Superior de Tunja - Sala Civil - Familia. \u00a0 ...<br \/><div class=\"pt-cv-rmwrap\"><a href=\"https:\/\/www.dmsjuridica.com\/buscador_20179478954\/corteconstitucionalcronologico202454587\/t-046-03\/\" class=\"_self pt-cv-readmore btn btn-success\" target=\"_self\">Ver Sentencia Completa...<\/a><\/div><\/div><\/div><\/div>\n<div class=\"col-md-12 col-sm-12 col-xs-12 pt-cv-content-item pt-cv-1-col\" ><div class='pt-cv-ifield'><a href=\"https:\/\/www.dmsjuridica.com\/buscador_20179478954\/corteconstitucionalcronologico202454587\/t-029-03\/\" class=\"_self pt-cv-href-thumbnail pt-cv-thumb-default\" target=\"_self\" ><\/a>\n<div class=\"pt-cv-taxoterm above_title\"><a href='https:\/\/www.dmsjuridica.com\/buscador_20179478954\/corteconstitucionalcronologico202454587\/category\/buscar-en-toda-la-corte\/2003\/tutelas-2003\/' title='Tutelas 2003' class='pt-cv-tax-tutelas-2003'>Tutelas 2003<\/a><\/div>\n<h4 class=\"pt-cv-title\"><a href=\"https:\/\/www.dmsjuridica.com\/buscador_20179478954\/corteconstitucionalcronologico202454587\/t-029-03\/\" class=\"_self\" target=\"_self\" >T-029-03<\/a><\/h4>\n<div class=\"pt-cv-content\">\u00a0 \u00a0 Sentencia T-029\/03 \u00a0 ACCION DE TUTELA-Improcedencia por instaurarse cuando la licencia de maternidad expir\u00f3 \u00a0 La demandante interpuso la acci\u00f3n de tutela en fecha posterior a la finalizaci\u00f3n del t\u00e9rmino de la licencia de maternidad. De ello se desprende que, en primer lugar, el t\u00e9rmino en el que la prestaci\u00f3n econ\u00f3mica derivada de la licencia era el sustento del m\u00ednimo vital de la madre y el reci\u00e9n nacido ya hab\u00eda fenecido cuando se invoc\u00f3 el amparo constitucional, configur\u00e1ndose un perjuicio causado. Adem\u00e1s, al transcurrir dicho lapso la acci\u00f3n deja de ser oportuna, presumi\u00e9ndose que la accionante estuvo en ...<br \/><div class=\"pt-cv-rmwrap\"><a href=\"https:\/\/www.dmsjuridica.com\/buscador_20179478954\/corteconstitucionalcronologico202454587\/t-029-03\/\" class=\"_self pt-cv-readmore btn btn-success\" target=\"_self\">Ver Sentencia Completa...<\/a><\/div><\/div><\/div><\/div>\n<div class=\"col-md-12 col-sm-12 col-xs-12 pt-cv-content-item pt-cv-1-col\" ><div class='pt-cv-ifield'><a href=\"https:\/\/www.dmsjuridica.com\/buscador_20179478954\/corteconstitucionalcronologico202454587\/t-028-03\/\" class=\"_self pt-cv-href-thumbnail pt-cv-thumb-default\" target=\"_self\" ><\/a>\n<div class=\"pt-cv-taxoterm above_title\"><a href='https:\/\/www.dmsjuridica.com\/buscador_20179478954\/corteconstitucionalcronologico202454587\/category\/buscar-en-toda-la-corte\/2003\/tutelas-2003\/' title='Tutelas 2003' class='pt-cv-tax-tutelas-2003'>Tutelas 2003<\/a><\/div>\n<h4 class=\"pt-cv-title\"><a href=\"https:\/\/www.dmsjuridica.com\/buscador_20179478954\/corteconstitucionalcronologico202454587\/t-028-03\/\" class=\"_self\" target=\"_self\" >T-028-03<\/a><\/h4>\n<div class=\"pt-cv-content\">\u00a0 \u00a0 Sentencia T-028\/03 \u00a0 MUJER EMBARAZADA-Protecci\u00f3n constitucional especial \u00a0 DERECHO A LA ESTABILIDAD LABORAL REFORZADA DE MUJER EMBARAZADA-Procedencia excepcional de tutela\/DERECHO A LA ESTABILIDAD LABORAL REFORZADA DE MUJER EMBARAZADA-Protecci\u00f3n \u00a0 ACCION DE NULIDAD Y RESTABLECIMIENTO DEL DERECHO-Reintegro al cargo de mujer embarazada\/ACCION DE TUTELA-Procedencia excepcional para reintegro al cargo de mujer embarazada\u00a0 \u00a0 La jurisprudencia ha manifestado que el mecanismo id\u00f3neo para obtener el reintegro al trabajo de la mujer embarazada es la demanda ante la jurisdicci\u00f3n laboral ordinaria, cuando se trata de trabajadoras privadas u oficiales, y la acci\u00f3n de nulidad y restablecimiento del derecho ante la jurisdicci\u00f3n ...<br \/><div class=\"pt-cv-rmwrap\"><a href=\"https:\/\/www.dmsjuridica.com\/buscador_20179478954\/corteconstitucionalcronologico202454587\/t-028-03\/\" class=\"_self pt-cv-readmore btn btn-success\" target=\"_self\">Ver Sentencia Completa...<\/a><\/div><\/div><\/div><\/div>\n<div class=\"col-md-12 col-sm-12 col-xs-12 pt-cv-content-item pt-cv-1-col\" ><div class='pt-cv-ifield'><a href=\"https:\/\/www.dmsjuridica.com\/buscador_20179478954\/corteconstitucionalcronologico202454587\/t-027-03\/\" class=\"_self pt-cv-href-thumbnail pt-cv-thumb-default\" target=\"_self\" ><\/a>\n<div class=\"pt-cv-taxoterm above_title\"><a href='https:\/\/www.dmsjuridica.com\/buscador_20179478954\/corteconstitucionalcronologico202454587\/category\/buscar-en-toda-la-corte\/2003\/tutelas-2003\/' title='Tutelas 2003' class='pt-cv-tax-tutelas-2003'>Tutelas 2003<\/a><\/div>\n<h4 class=\"pt-cv-title\"><a href=\"https:\/\/www.dmsjuridica.com\/buscador_20179478954\/corteconstitucionalcronologico202454587\/t-027-03\/\" class=\"_self\" target=\"_self\" >T-027-03<\/a><\/h4>\n<div class=\"pt-cv-content\">ACCION DE TUTELA-Procedencia excepcional pago de mesadas pensionales \u00a0 DERECHO AL MINIMO VITAL-Definici\u00f3n \u00a0 DERECHO AL MINIMO VITAL-Requisitos para acreditar vulneraci\u00f3n \u00a0 Las jurisprudencia constitucional establece los requisitos que deben comprobarse para acreditar la vulneraci\u00f3n del m\u00ednimo vital, que se resumen en que (i) el salario o mesada sea el ingreso exclusivo del trabajador o pensionado o existiendo ingresos adicionales sean insuficientes para la cobertura de sus necesidad b\u00e1sicas y que (ii) la falta de pago de la prestaci\u00f3n genere para el afectado una situaci\u00f3n cr\u00edtica tanto a nivel econ\u00f3mico como psicol\u00f3gico, derivada de un hecho injustificado, inminente y grave ...<br \/><div class=\"pt-cv-rmwrap\"><a href=\"https:\/\/www.dmsjuridica.com\/buscador_20179478954\/corteconstitucionalcronologico202454587\/t-027-03\/\" class=\"_self pt-cv-readmore btn btn-success\" target=\"_self\">Ver Sentencia Completa...<\/a><\/div><\/div><\/div><\/div>\n<div class=\"col-md-12 col-sm-12 col-xs-12 pt-cv-content-item pt-cv-1-col\" ><div class='pt-cv-ifield'><a href=\"https:\/\/www.dmsjuridica.com\/buscador_20179478954\/corteconstitucionalcronologico202454587\/t-026-03\/\" class=\"_self pt-cv-href-thumbnail pt-cv-thumb-default\" target=\"_self\" ><\/a>\n<div class=\"pt-cv-taxoterm above_title\"><a href='https:\/\/www.dmsjuridica.com\/buscador_20179478954\/corteconstitucionalcronologico202454587\/category\/buscar-en-toda-la-corte\/2003\/tutelas-2003\/' title='Tutelas 2003' class='pt-cv-tax-tutelas-2003'>Tutelas 2003<\/a><\/div>\n<h4 class=\"pt-cv-title\"><a href=\"https:\/\/www.dmsjuridica.com\/buscador_20179478954\/corteconstitucionalcronologico202454587\/t-026-03\/\" class=\"_self\" target=\"_self\" >T-026-03<\/a><\/h4>\n<div class=\"pt-cv-content\">\u00a0 \u00a0 Sentencia T-026\/03 \u00a0 DERECHO A LA PENSION DE INVALIDEZ-Fundamental por conexidad \u00a0 ACCION DE TUTELA TRANSITORIA-Existencia de perjuicio irremediable\/ACCION DE TUTELA TRANSITORIA-Pensi\u00f3n de invalidez a enfermo de sida \u00a0 En el presente caso es procedente la tutela, como mecanismo transitorio, con el fin de evitar un perjuicio irremediable puesto que, como lo ha sostenido la Corte, no basta la existencia del medio alternativo de defensa judicial para excluir la protecci\u00f3n de la tutela, sino adem\u00e1s se requiere que \u00e9ste sea eficaz y oportuno; con mayor raz\u00f3n cuando est\u00e1n de por medio derechos fundamentales, como la vida digna, que ...<br \/><div class=\"pt-cv-rmwrap\"><a href=\"https:\/\/www.dmsjuridica.com\/buscador_20179478954\/corteconstitucionalcronologico202454587\/t-026-03\/\" class=\"_self pt-cv-readmore btn btn-success\" target=\"_self\">Ver Sentencia Completa...<\/a><\/div><\/div><\/div><\/div>\n<div class=\"col-md-12 col-sm-12 col-xs-12 pt-cv-content-item pt-cv-1-col\" ><div class='pt-cv-ifield'><a href=\"https:\/\/www.dmsjuridica.com\/buscador_20179478954\/corteconstitucionalcronologico202454587\/t-025-03\/\" class=\"_self pt-cv-href-thumbnail pt-cv-thumb-default\" target=\"_self\" ><\/a>\n<div class=\"pt-cv-taxoterm above_title\"><a href='https:\/\/www.dmsjuridica.com\/buscador_20179478954\/corteconstitucionalcronologico202454587\/category\/buscar-en-toda-la-corte\/2003\/tutelas-2003\/' title='Tutelas 2003' class='pt-cv-tax-tutelas-2003'>Tutelas 2003<\/a><\/div>\n<h4 class=\"pt-cv-title\"><a href=\"https:\/\/www.dmsjuridica.com\/buscador_20179478954\/corteconstitucionalcronologico202454587\/t-025-03\/\" class=\"_self\" target=\"_self\" >T-025-03<\/a><\/h4>\n<div class=\"pt-cv-content\">\u00a0 \u00a0 Sentencia T-025\/03 \u00a0 ACCION DE TUTELA CONTRA PROVIDENCIAS JUDICIALES-Procedencia excepcional por v\u00eda de hecho judicial \u00a0 DEBIDO PROCESO-Vulneraci\u00f3n por incongruencia entre la excepci\u00f3n propuesta y el fallo cuestionado \u00a0 DEBIDO PROCESO-Vulneraci\u00f3n por v\u00eda de hecho \u00a0 Referencia: expediente T-645761 \u00a0 Acci\u00f3n de tutela interpuesta por Antonio Nader Nader contra la Sala Civil - Familia del Tribunal Superior de Distrito Judicial de Cartagena \u00a0 Magistrada Ponente:\u00a0 \u00a0 Dra. CLARA INES VARGAS HERN\u00c1NDEZ \u00a0 Bogot\u00e1, D. C., veintitr\u00e9s (23) de enero de dos mil tres (2003). \u00a0 La Sala Novena de Revisi\u00f3n de Tutelas de la Corte Constitucional, conformada por ...<br \/><div class=\"pt-cv-rmwrap\"><a href=\"https:\/\/www.dmsjuridica.com\/buscador_20179478954\/corteconstitucionalcronologico202454587\/t-025-03\/\" class=\"_self pt-cv-readmore btn btn-success\" target=\"_self\">Ver Sentencia Completa...<\/a><\/div><\/div><\/div><\/div>\n<div class=\"col-md-12 col-sm-12 col-xs-12 pt-cv-content-item pt-cv-1-col\" ><div class='pt-cv-ifield'><a href=\"https:\/\/www.dmsjuridica.com\/buscador_20179478954\/corteconstitucionalcronologico202454587\/t-024-03\/\" class=\"_self pt-cv-href-thumbnail pt-cv-thumb-default\" target=\"_self\" ><\/a>\n<div class=\"pt-cv-taxoterm above_title\"><a href='https:\/\/www.dmsjuridica.com\/buscador_20179478954\/corteconstitucionalcronologico202454587\/category\/buscar-en-toda-la-corte\/2003\/tutelas-2003\/' title='Tutelas 2003' class='pt-cv-tax-tutelas-2003'>Tutelas 2003<\/a><\/div>\n<h4 class=\"pt-cv-title\"><a href=\"https:\/\/www.dmsjuridica.com\/buscador_20179478954\/corteconstitucionalcronologico202454587\/t-024-03\/\" class=\"_self\" target=\"_self\" >T-024-03<\/a><\/h4>\n<div class=\"pt-cv-content\">\u00a0 \u00a0 Sentencia T-024\/03 \u00a0 ACCION DE TUTELA CONTRA ENTIDAD PROMOTORA DE SALUD-Negligencia de EPS en intervenci\u00f3n quir\u00fargica \u00a0 ENTIDAD PROMOTORA DE SALUD-Autorizaci\u00f3n cirug\u00eda de rodilla\/PRINCIPIO DE CONTINUIDAD EN EL SERVICIO DE SALUD-Vulneraci\u00f3n por dilaci\u00f3n en pr\u00e1ctica de cirug\u00eda \u00a0 ACCION DE TUTELA-Hecho superado por pr\u00e1ctica de cirug\u00eda de rodilla \u00a0 Reiteraci\u00f3n de Jurisprudencia \u00a0 Referencia: expediente T-645193 \u00a0 Acci\u00f3n de tutela instaurada por Maria del Carmen Moreno Arias contra el Seguro Social, Seccional Girardot - Cundinamarca. \u00a0 Magistrada Ponente: \u00a0 Dra. CLARA IN\u00c9S VARGAS HERN\u00c1NDEZ\u00a0 \u00a0 La Sala Novena de Revisi\u00f3n de la Corte Constitucional, en ejercicio de sus ...<br \/><div class=\"pt-cv-rmwrap\"><a href=\"https:\/\/www.dmsjuridica.com\/buscador_20179478954\/corteconstitucionalcronologico202454587\/t-024-03\/\" class=\"_self pt-cv-readmore btn btn-success\" target=\"_self\">Ver Sentencia Completa...<\/a><\/div><\/div><\/div><\/div>\n<div class=\"col-md-12 col-sm-12 col-xs-12 pt-cv-content-item pt-cv-1-col\" ><div class='pt-cv-ifield'><a href=\"https:\/\/www.dmsjuridica.com\/buscador_20179478954\/corteconstitucionalcronologico202454587\/t-023-03\/\" class=\"_self pt-cv-href-thumbnail pt-cv-thumb-default\" target=\"_self\" ><\/a>\n<div class=\"pt-cv-taxoterm above_title\"><a href='https:\/\/www.dmsjuridica.com\/buscador_20179478954\/corteconstitucionalcronologico202454587\/category\/buscar-en-toda-la-corte\/2003\/tutelas-2003\/' title='Tutelas 2003' class='pt-cv-tax-tutelas-2003'>Tutelas 2003<\/a><\/div>\n<h4 class=\"pt-cv-title\"><a href=\"https:\/\/www.dmsjuridica.com\/buscador_20179478954\/corteconstitucionalcronologico202454587\/t-023-03\/\" class=\"_self\" target=\"_self\" >T-023-03<\/a><\/h4>\n<div class=\"pt-cv-content\">\u00a0 \u00a0 Sentencia T-023\/03 \u00a0 INTERES COLECTIVO-Personas identificables \u00a0 LEGITIMACION POR ACTIVA EN TUTELA\/ACCION DE TUTELA-Razonabilidad en presentaci\u00f3n y derechos fundamentales de terceros afectados \u00a0 Considera la Corte, que bajo los supuestos planteados por el accionante y teniendo en cuenta que se alega violaci\u00f3n a un derecho fundamental, podr\u00eda cada uno de los internos de la Penitenciaria Nacional interponer de manera individual una acci\u00f3n de tutela similar a la aqu\u00ed presentada. Tal situaci\u00f3n conllevar\u00eda, a un desgaste innecesario de la Administraci\u00f3n de Justicia, as\u00ed como la afectaci\u00f3n al derecho a la igualdad de aquellas personas que no acudieron a la ...<br \/><div class=\"pt-cv-rmwrap\"><a href=\"https:\/\/www.dmsjuridica.com\/buscador_20179478954\/corteconstitucionalcronologico202454587\/t-023-03\/\" class=\"_self pt-cv-readmore btn btn-success\" target=\"_self\">Ver Sentencia Completa...<\/a><\/div><\/div><\/div><\/div>\n<div class=\"col-md-12 col-sm-12 col-xs-12 pt-cv-content-item pt-cv-1-col\" ><div class='pt-cv-ifield'><a href=\"https:\/\/www.dmsjuridica.com\/buscador_20179478954\/corteconstitucionalcronologico202454587\/t-022-03\/\" class=\"_self pt-cv-href-thumbnail pt-cv-thumb-default\" target=\"_self\" ><\/a>\n<div class=\"pt-cv-taxoterm above_title\"><a href='https:\/\/www.dmsjuridica.com\/buscador_20179478954\/corteconstitucionalcronologico202454587\/category\/buscar-en-toda-la-corte\/2003\/tutelas-2003\/' title='Tutelas 2003' class='pt-cv-tax-tutelas-2003'>Tutelas 2003<\/a><\/div>\n<h4 class=\"pt-cv-title\"><a href=\"https:\/\/www.dmsjuridica.com\/buscador_20179478954\/corteconstitucionalcronologico202454587\/t-022-03\/\" class=\"_self\" target=\"_self\" >T-022-03<\/a><\/h4>\n<div class=\"pt-cv-content\">\u00a0 \u00a0 Sentencia T-022\/03 \u00a0 EDUCACION-Derecho deber \u00a0 EDUCACION-Obligaci\u00f3n de los padres\u00a0 \u00a0 EDUCACION-Obligaci\u00f3n del Estado \u00a0 EDUCACION-Obligaci\u00f3n del alumno \u00a0 ACTO ACADEMICO-Procedencia de tutela \u00a0 MANUAL DE CONVIVENCIA-Naturaleza \u00a0 DEBIDO PROCESO-Imposici\u00f3n de sanciones en centros educativos\/DERECHO A LA EDUCACION-Imposici\u00f3n de sanciones deben ser razonables \u00a0 MANUAL DE CONVIVENCIA-Aplicaci\u00f3n a partir del momento en que empez\u00f3 a regir \u00a0 No se tuvo en cuenta que trat\u00e1ndose de normas de procedimiento, \u00e9stas se cumplen a partir de su promulgaci\u00f3n. Ha debido aplicarse el nuevo Manual de Convivencia en el caso del joven porque dicho Manual principi\u00f3 a regir el 1\u00b0 de ...<br \/><div class=\"pt-cv-rmwrap\"><a href=\"https:\/\/www.dmsjuridica.com\/buscador_20179478954\/corteconstitucionalcronologico202454587\/t-022-03\/\" class=\"_self pt-cv-readmore btn btn-success\" target=\"_self\">Ver Sentencia Completa...<\/a><\/div><\/div><\/div><\/div>\n<div class=\"col-md-12 col-sm-12 col-xs-12 pt-cv-content-item pt-cv-1-col\" ><div class='pt-cv-ifield'><a href=\"https:\/\/www.dmsjuridica.com\/buscador_20179478954\/corteconstitucionalcronologico202454587\/t-021-03\/\" class=\"_self pt-cv-href-thumbnail pt-cv-thumb-default\" target=\"_self\" ><\/a>\n<div class=\"pt-cv-taxoterm above_title\"><a href='https:\/\/www.dmsjuridica.com\/buscador_20179478954\/corteconstitucionalcronologico202454587\/category\/buscar-en-toda-la-corte\/2003\/tutelas-2003\/' title='Tutelas 2003' class='pt-cv-tax-tutelas-2003'>Tutelas 2003<\/a><\/div>\n<h4 class=\"pt-cv-title\"><a href=\"https:\/\/www.dmsjuridica.com\/buscador_20179478954\/corteconstitucionalcronologico202454587\/t-021-03\/\" class=\"_self\" target=\"_self\" >T-021-03<\/a><\/h4>\n<div class=\"pt-cv-content\">\u00a0 \u00a0 Sentencia T-021\/03 \u00a0 DERECHO A LA SALUD-Conexidad con la vida \u00a0 DERECHO A LA VIDA-Vulneraci\u00f3n por no atenci\u00f3n de salud \u00a0 DERECHO A LA SALUD-Obst\u00e1culos en la realizaci\u00f3n de tratamiento de quimioterapia\u00a0 \u00a0 ACCION DE TUTELA-Hecho consumado por fallecimiento del actor \u00a0 ACCION DE TUTELA-Fallecimiento del actor no exime pronunciamiento de fondo \u00a0 Reiteraci\u00f3n de Jurisprudencia \u00a0 Referencia: expediente T-649359 \u00a0 Acci\u00f3n de tutela instaurada por Luis Enrique Hern\u00e1ndez Dur\u00e1n como agente oficioso de Herminda Dur\u00e1n L\u00f3pez contra el Instituto de Seguros Sociales Seccional Neiva. \u00a0 Magistrado Ponente: \u00a0 Dr. EDUARDO MONTEALEGRE LYNETT \u00a0 Bogot\u00e1, D.C., veintitr\u00e9s (23) ...<br \/><div class=\"pt-cv-rmwrap\"><a href=\"https:\/\/www.dmsjuridica.com\/buscador_20179478954\/corteconstitucionalcronologico202454587\/t-021-03\/\" class=\"_self pt-cv-readmore btn btn-success\" target=\"_self\">Ver Sentencia Completa...<\/a><\/div><\/div><\/div><\/div>\n<div class=\"col-md-12 col-sm-12 col-xs-12 pt-cv-content-item pt-cv-1-col\" ><div class='pt-cv-ifield'><a href=\"https:\/\/www.dmsjuridica.com\/buscador_20179478954\/corteconstitucionalcronologico202454587\/t-020-03\/\" class=\"_self pt-cv-href-thumbnail pt-cv-thumb-default\" target=\"_self\" ><\/a>\n<div class=\"pt-cv-taxoterm above_title\"><a href='https:\/\/www.dmsjuridica.com\/buscador_20179478954\/corteconstitucionalcronologico202454587\/category\/buscar-en-toda-la-corte\/2003\/tutelas-2003\/' title='Tutelas 2003' class='pt-cv-tax-tutelas-2003'>Tutelas 2003<\/a><\/div>\n<h4 class=\"pt-cv-title\"><a href=\"https:\/\/www.dmsjuridica.com\/buscador_20179478954\/corteconstitucionalcronologico202454587\/t-020-03\/\" class=\"_self\" target=\"_self\" >T-020-03<\/a><\/h4>\n<div class=\"pt-cv-content\">\u00a0 \u00a0 Sentencia T-020\/03 \u00a0 DERECHO A LA SEGURIDAD SOCIAL DE PERSONA DE LA TERCERA EDAD-Fundamental por afectaci\u00f3n del m\u00ednimo vital \u00a0 DERECHO A LA PENSION DE JUBILACION-Tr\u00e1mite administrativo o presupuestal no impide pago oportuno de mesadas \u00a0 DERECHO A LA VIDA EN CONDICIONES DIGNAS Y JUSTAS-Pago oportuno de mesadas pensionales \u00a0 Reiteraci\u00f3n de Jurisprudencia \u00a0 Referencia: expediente T-645799 \u00a0 Acci\u00f3n de tutela instaurada por Blanca Flor Cort\u00e9s Bola\u00f1os contra la Fundaci\u00f3n San Juan de Dios de Bogot\u00e1. \u00a0 Magistrado Ponente: \u00a0 Dr. EDUARDO MONTEALEGRE LYNETT \u00a0 Bogot\u00e1, D.C., veintitr\u00e9s (23) de enero de dos mil tres (2003). \u00a0 La ...<br \/><div class=\"pt-cv-rmwrap\"><a href=\"https:\/\/www.dmsjuridica.com\/buscador_20179478954\/corteconstitucionalcronologico202454587\/t-020-03\/\" class=\"_self pt-cv-readmore btn btn-success\" target=\"_self\">Ver Sentencia Completa...<\/a><\/div><\/div><\/div><\/div>\n<div class=\"col-md-12 col-sm-12 col-xs-12 pt-cv-content-item pt-cv-1-col\" ><div class='pt-cv-ifield'><a href=\"https:\/\/www.dmsjuridica.com\/buscador_20179478954\/corteconstitucionalcronologico202454587\/t-018-03\/\" class=\"_self pt-cv-href-thumbnail pt-cv-thumb-default\" target=\"_self\" ><\/a>\n<div class=\"pt-cv-taxoterm above_title\"><a href='https:\/\/www.dmsjuridica.com\/buscador_20179478954\/corteconstitucionalcronologico202454587\/category\/buscar-en-toda-la-corte\/2003\/tutelas-2003\/' title='Tutelas 2003' class='pt-cv-tax-tutelas-2003'>Tutelas 2003<\/a><\/div>\n<h4 class=\"pt-cv-title\"><a href=\"https:\/\/www.dmsjuridica.com\/buscador_20179478954\/corteconstitucionalcronologico202454587\/t-018-03\/\" class=\"_self\" target=\"_self\" >T-018-03<\/a><\/h4>\n<div class=\"pt-cv-content\">\u00a0 \u00a0 \u00a0 \u00a0 Sentencia T-018\/03 \u00a0 DERECHO A LA SALUD-Fundamental por conexidad con la vida \u00a0 DERECHO A LA SALUD-Vulneraci\u00f3n por demora injustificada en la atenci\u00f3n debido a tr\u00e1mites administrativos \u00a0 DERECHO A LA VIDA DIGNA-Demora injustificada en atenci\u00f3n a enfermo terminal \u00a0 REGIMEN SUBSIDIADO-Excesiva tramitolog\u00eda y falta de cuidado en expedici\u00f3n de \u00f3rdenes \u00a0 ADMINISTRADORA DEL REGIMEN SUBSIDIADO-Fallecimiento del paciente por negligencia en tr\u00e1mites administrativos \u00a0 Referencia: expediente T-675899 \u00a0 Peticionario: Gloria In\u00e9s Maldonado \u00a0 Magistrado Ponente: \u00a0 Dr. ALFREDO BELTRAN SIERRA \u00a0 Bogot\u00e1, D.C., veintitr\u00e9s (23) de enero de dos mil tres (2003). \u00a0 La Sala Segunda ...<br \/><div class=\"pt-cv-rmwrap\"><a href=\"https:\/\/www.dmsjuridica.com\/buscador_20179478954\/corteconstitucionalcronologico202454587\/t-018-03\/\" class=\"_self pt-cv-readmore btn btn-success\" target=\"_self\">Ver Sentencia Completa...<\/a><\/div><\/div><\/div><\/div>\n<div class=\"col-md-12 col-sm-12 col-xs-12 pt-cv-content-item pt-cv-1-col\" ><div class='pt-cv-ifield'><a href=\"https:\/\/www.dmsjuridica.com\/buscador_20179478954\/corteconstitucionalcronologico202454587\/t-017-03\/\" class=\"_self pt-cv-href-thumbnail pt-cv-thumb-default\" target=\"_self\" ><\/a>\n<div class=\"pt-cv-taxoterm above_title\"><a href='https:\/\/www.dmsjuridica.com\/buscador_20179478954\/corteconstitucionalcronologico202454587\/category\/buscar-en-toda-la-corte\/2003\/tutelas-2003\/' title='Tutelas 2003' class='pt-cv-tax-tutelas-2003'>Tutelas 2003<\/a><\/div>\n<h4 class=\"pt-cv-title\"><a href=\"https:\/\/www.dmsjuridica.com\/buscador_20179478954\/corteconstitucionalcronologico202454587\/t-017-03\/\" class=\"_self\" target=\"_self\" >T-017-03<\/a><\/h4>\n<div class=\"pt-cv-content\">\u00a0 \u00a0 Sentencia T-017\/03 \u00a0 AGENCIA OFICIOSA EN TUTELA-Falta de legitimaci\u00f3n por activa \u00a0 Referencia: expediente T-672769 \u00a0 Acci\u00f3n de tutela instaurada por Emilse de Jes\u00fas Jaramillo Parra, agente oficiosa de Jaime de Jes\u00fas Jaramillo Ram\u00edrez, \u00a0contra la Direcci\u00f3n Seccional de Salud de Antioquia y la ARS Comfamiliar Camacol. \u00a0 Magistrado Ponente:\u00a0 \u00a0 Dr. ALFREDO BELTR\u00c1N SIERRA \u00a0 Bogot\u00e1, D.C., veintitr\u00e9s (23) de enero de dos mil tres (2003).\u00a0 \u00a0 La Sala Segunda de Revisi\u00f3n de la Corte Constitucional, en ejercicio de sus competencias constitucionales y legales, ha proferido la siguiente\u00a0 \u00a0 SENTENCIA\u00a0 \u00a0 en el proceso de revisi\u00f3n del ...<br \/><div class=\"pt-cv-rmwrap\"><a href=\"https:\/\/www.dmsjuridica.com\/buscador_20179478954\/corteconstitucionalcronologico202454587\/t-017-03\/\" class=\"_self pt-cv-readmore btn btn-success\" target=\"_self\">Ver Sentencia Completa...<\/a><\/div><\/div><\/div><\/div>\n<div class=\"col-md-12 col-sm-12 col-xs-12 pt-cv-content-item pt-cv-1-col\" ><div class='pt-cv-ifield'><a href=\"https:\/\/www.dmsjuridica.com\/buscador_20179478954\/corteconstitucionalcronologico202454587\/t-016-03\/\" class=\"_self pt-cv-href-thumbnail pt-cv-thumb-default\" target=\"_self\" ><\/a>\n<div class=\"pt-cv-taxoterm above_title\"><a href='https:\/\/www.dmsjuridica.com\/buscador_20179478954\/corteconstitucionalcronologico202454587\/category\/buscar-en-toda-la-corte\/2003\/tutelas-2003\/' title='Tutelas 2003' class='pt-cv-tax-tutelas-2003'>Tutelas 2003<\/a><\/div>\n<h4 class=\"pt-cv-title\"><a href=\"https:\/\/www.dmsjuridica.com\/buscador_20179478954\/corteconstitucionalcronologico202454587\/t-016-03\/\" class=\"_self\" target=\"_self\" >T-016-03<\/a><\/h4>\n<div class=\"pt-cv-content\">\u00a0 \u00a0 Sentencia T-016\/03 \u00a0 DERECHO A LA SALUD DEL ENFERMO DE SIDA-Examen de carga viral \u00a0 DERECHO A LA SALUD DEL ENFERMO DE SIDA-Examen de carga viral fundamental para tratamiento del sida \u00a0 ENTIDAD PROMOTORA DE SALUD-Realizaci\u00f3n examen de carga viral y repetici\u00f3n contra el Fosyga \u00a0 Referencia: expediente T-673846 \u00a0 Acci\u00f3n de tutela instaurada por Jos\u00e9 Vicente Pardo Camacho contra la E.P.S. Famisanar Seccional Bogot\u00e1. \u00a0 Procedencia: Juzgado 71 Penal Municipal de Bogot\u00e1 \u00a0 Magistrado Ponente: \u00a0 Bogot\u00e1 D.C., veintitr\u00e9s (23) de enero de dos mil tres (2003). \u00a0 La Sala Segunda de Revisi\u00f3n de la Corte Constitucional, ...<br \/><div class=\"pt-cv-rmwrap\"><a href=\"https:\/\/www.dmsjuridica.com\/buscador_20179478954\/corteconstitucionalcronologico202454587\/t-016-03\/\" class=\"_self pt-cv-readmore btn btn-success\" target=\"_self\">Ver Sentencia Completa...<\/a><\/div><\/div><\/div><\/div>\n<div class=\"col-md-12 col-sm-12 col-xs-12 pt-cv-content-item pt-cv-1-col\" ><div class='pt-cv-ifield'><a href=\"https:\/\/www.dmsjuridica.com\/buscador_20179478954\/corteconstitucionalcronologico202454587\/t-015-03\/\" class=\"_self pt-cv-href-thumbnail pt-cv-thumb-default\" target=\"_self\" ><\/a>\n<div class=\"pt-cv-taxoterm above_title\"><a href='https:\/\/www.dmsjuridica.com\/buscador_20179478954\/corteconstitucionalcronologico202454587\/category\/buscar-en-toda-la-corte\/2003\/tutelas-2003\/' title='Tutelas 2003' class='pt-cv-tax-tutelas-2003'>Tutelas 2003<\/a><\/div>\n<h4 class=\"pt-cv-title\"><a href=\"https:\/\/www.dmsjuridica.com\/buscador_20179478954\/corteconstitucionalcronologico202454587\/t-015-03\/\" class=\"_self\" target=\"_self\" >T-015-03<\/a><\/h4>\n<div class=\"pt-cv-content\">\u00a0 \u00a0 \u00a0 \u00a0 Sentencia T-015\/03 \u00a0 ACCION DE TUTELA-Improcedencia reembolso de dineros por asunci\u00f3n de costos m\u00e9dicos\/MEDIO DE DEFENSA JUDICIAL-Reembolso de dineros por asunci\u00f3n de costos m\u00e9dicos \u00a0 Reiteraci\u00f3n de Jurisprudencia \u00a0 Referencia: expediente T-662407 \u00a0 Acci\u00f3n de tutela presentada por Hern\u00e1n Hern\u00e1ndez Hern\u00e1ndez en contra del Municipio de Galeras - Sucre\u00a0 \u00a0 Procedencia: Juzgado Promiscuo del Circuito de Sinc\u00e9 \u2013 Sucre. \u00a0 Magistrado Ponente: \u00a0 Dr. ALFREDO BELTR\u00c1N SIERRA \u00a0 Bogot\u00e1, D.C., veintitr\u00e9s (23) de enero de dos mil tres (2003). \u00a0 La Sala Segunda (2a.) de Revisi\u00f3n de la Corte Constitucional, integrada por los magistrados, Alfredo Beltr\u00e1n ...<br \/><div class=\"pt-cv-rmwrap\"><a href=\"https:\/\/www.dmsjuridica.com\/buscador_20179478954\/corteconstitucionalcronologico202454587\/t-015-03\/\" class=\"_self pt-cv-readmore btn btn-success\" target=\"_self\">Ver Sentencia Completa...<\/a><\/div><\/div><\/div><\/div>\n<div class=\"col-md-12 col-sm-12 col-xs-12 pt-cv-content-item pt-cv-1-col\" ><div class='pt-cv-ifield'><a href=\"https:\/\/www.dmsjuridica.com\/buscador_20179478954\/corteconstitucionalcronologico202454587\/t-014-03\/\" class=\"_self pt-cv-href-thumbnail pt-cv-thumb-default\" target=\"_self\" ><\/a>\n<div class=\"pt-cv-taxoterm above_title\"><a href='https:\/\/www.dmsjuridica.com\/buscador_20179478954\/corteconstitucionalcronologico202454587\/category\/buscar-en-toda-la-corte\/2003\/tutelas-2003\/' title='Tutelas 2003' class='pt-cv-tax-tutelas-2003'>Tutelas 2003<\/a><\/div>\n<h4 class=\"pt-cv-title\"><a href=\"https:\/\/www.dmsjuridica.com\/buscador_20179478954\/corteconstitucionalcronologico202454587\/t-014-03\/\" class=\"_self\" target=\"_self\" >T-014-03<\/a><\/h4>\n<div class=\"pt-cv-content\">\u00a0 \u00a0 Sentencia T-014\/03 \u00a0 PROCESO DE RESTITUCION DE INMUEBLE-Requisitos de la diligencia de entrega \u00a0 No cabe duda que si el inmueble fue secuestrado en el curso del proceso, la obligaci\u00f3n de restituir ordenada en la sentencia se puede cumplir con la mera traslaci\u00f3n del bien del secuestre a la victima, y que, en caso contrario, la diligencia de entrega deber\u00e1 permitir i) la determinaci\u00f3n del bien objeto de la conducta, ii) la definici\u00f3n del estado de detentaci\u00f3n del mismo, y iii) el establecimiento de las prestaciones que dan derecho a la retenci\u00f3n del bien, habida cuenta que el ...<br \/><div class=\"pt-cv-rmwrap\"><a href=\"https:\/\/www.dmsjuridica.com\/buscador_20179478954\/corteconstitucionalcronologico202454587\/t-014-03\/\" class=\"_self pt-cv-readmore btn btn-success\" target=\"_self\">Ver Sentencia Completa...<\/a><\/div><\/div><\/div><\/div>\n<div class=\"col-md-12 col-sm-12 col-xs-12 pt-cv-content-item pt-cv-1-col\" ><div class='pt-cv-ifield'><a href=\"https:\/\/www.dmsjuridica.com\/buscador_20179478954\/corteconstitucionalcronologico202454587\/t-013-03\/\" class=\"_self pt-cv-href-thumbnail pt-cv-thumb-default\" target=\"_self\" ><\/a>\n<div class=\"pt-cv-taxoterm above_title\"><a href='https:\/\/www.dmsjuridica.com\/buscador_20179478954\/corteconstitucionalcronologico202454587\/category\/buscar-en-toda-la-corte\/2003\/tutelas-2003\/' title='Tutelas 2003' class='pt-cv-tax-tutelas-2003'>Tutelas 2003<\/a><\/div>\n<h4 class=\"pt-cv-title\"><a href=\"https:\/\/www.dmsjuridica.com\/buscador_20179478954\/corteconstitucionalcronologico202454587\/t-013-03\/\" class=\"_self\" target=\"_self\" >T-013-03<\/a><\/h4>\n<div class=\"pt-cv-content\">\u00a0 \u00a0 Sentencia T-013\/03 \u00a0 DERECHO A LA SALUD-Afiliaci\u00f3n a EPS \u00a0 DERECHO A LA SALUD Y SEGURIDAD SOCIAL-Condiciones dignas y justas que deben rodear las relaciones de trabajo \u00a0 ACCION DE TUTELA-Carencia actual de objeto \u00a0 Reiteraci\u00f3n de Jurisprudencia \u00a0 Referencia: expediente T-646799 \u00a0 Magistrado Ponente: \u00a0 Dr. MANUEL JOS\u00c9 CEPEDA ESPINOSA \u00a0 Bogot\u00e1, D.C., veintitr\u00e9s (23) de enero de dos mil tres (2003). \u00a0 La Sala Tercera de Revisi\u00f3n de la Corte Constitucional, en ejercicio de sus competencias constitucionales y legales, en particular las contenidas en los art\u00edculos 86 y 241, numeral 9, de la Constituci\u00f3n y el ...<br \/><div class=\"pt-cv-rmwrap\"><a href=\"https:\/\/www.dmsjuridica.com\/buscador_20179478954\/corteconstitucionalcronologico202454587\/t-013-03\/\" class=\"_self pt-cv-readmore btn btn-success\" target=\"_self\">Ver Sentencia Completa...<\/a><\/div><\/div><\/div><\/div>\n<div class=\"col-md-12 col-sm-12 col-xs-12 pt-cv-content-item pt-cv-1-col\" ><div class='pt-cv-ifield'><a href=\"https:\/\/www.dmsjuridica.com\/buscador_20179478954\/corteconstitucionalcronologico202454587\/t-012-03\/\" class=\"_self pt-cv-href-thumbnail pt-cv-thumb-default\" target=\"_self\" ><\/a>\n<div class=\"pt-cv-taxoterm above_title\"><a href='https:\/\/www.dmsjuridica.com\/buscador_20179478954\/corteconstitucionalcronologico202454587\/category\/buscar-en-toda-la-corte\/2003\/tutelas-2003\/' title='Tutelas 2003' class='pt-cv-tax-tutelas-2003'>Tutelas 2003<\/a><\/div>\n<h4 class=\"pt-cv-title\"><a href=\"https:\/\/www.dmsjuridica.com\/buscador_20179478954\/corteconstitucionalcronologico202454587\/t-012-03\/\" class=\"_self\" target=\"_self\" >T-012-03<\/a><\/h4>\n<div class=\"pt-cv-content\">\u00a0 \u00a0 Sentencia T-012\/03 \u00a0 ACCION DE TUTELA CONTRA PROVIDENCIAS JUDICIALES-Procedencia excepcional\/VIA DE HECHO-Procedencia excepcional de tutela \u00a0 VIA DE HECHO-Clases de defectos en la actuaci\u00f3n \u00a0 DERECHO DE DEFENSA DEL TRABAJADOR-Garant\u00edas en el procedimiento para retirar del cargo a empleado del Inpec \u00a0 El Director General del INPEC debe adelantar el procedimiento necesario para garantizar el derecho de defensa del trabajador. Este procedimiento busca que (i) el trabajador pueda contradecir las razones por las cuales la direcci\u00f3n del INPEC, o la Junta de Asesores de Carrera Penitenciaria consideran que debe ser retirado de su cargo, (ii) la decisi\u00f3n acerca ...<br \/><div class=\"pt-cv-rmwrap\"><a href=\"https:\/\/www.dmsjuridica.com\/buscador_20179478954\/corteconstitucionalcronologico202454587\/t-012-03\/\" class=\"_self pt-cv-readmore btn btn-success\" target=\"_self\">Ver Sentencia Completa...<\/a><\/div><\/div><\/div><\/div>\n<div class=\"col-md-12 col-sm-12 col-xs-12 pt-cv-content-item pt-cv-1-col\" ><div class='pt-cv-ifield'><a href=\"https:\/\/www.dmsjuridica.com\/buscador_20179478954\/corteconstitucionalcronologico202454587\/t-011-03\/\" class=\"_self pt-cv-href-thumbnail pt-cv-thumb-default\" target=\"_self\" ><\/a>\n<div class=\"pt-cv-taxoterm above_title\"><a href='https:\/\/www.dmsjuridica.com\/buscador_20179478954\/corteconstitucionalcronologico202454587\/category\/buscar-en-toda-la-corte\/2003\/tutelas-2003\/' title='Tutelas 2003' class='pt-cv-tax-tutelas-2003'>Tutelas 2003<\/a><\/div>\n<h4 class=\"pt-cv-title\"><a href=\"https:\/\/www.dmsjuridica.com\/buscador_20179478954\/corteconstitucionalcronologico202454587\/t-011-03\/\" class=\"_self\" target=\"_self\" >T-011-03<\/a><\/h4>\n<div class=\"pt-cv-content\">\u00a0 \u00a0 Sentencia T-011\/03 \u00a0 EMPRESA DE SERVICIOS PUBLICOS-Negligencia en la suspensi\u00f3n y corte de energ\u00eda \u00a0 PRINCIPIO DE SOLIDARIDAD EN CONTRATO DE SERVICIOS PUBLICOS-L\u00edmites a la responsabilidad solidaria del propietario del inmueble \u00a0 Reiteraci\u00f3n de Jurisprudencia \u00a0 Referencia: expediente T-645479 \u00a0 Acci\u00f3n de tutela instaurada por Ricardo Jos\u00e9 Donado Granados contra Electricaribe S.A. E.S.P. \u00a0 Magistrado Ponente: \u00a0 Dr. MANUEL JOS\u00c9 CEPEDA ESPINOSA \u00a0 Bogot\u00e1, D.C., veintitr\u00e9s (23) de enero de dos mil tres (2003). \u00a0 La Sala Tercera de Revisi\u00f3n de la Corte Constitucional, integrada por los magistrados, Manuel Jos\u00e9 Cepeda Espinosa, Jaime C\u00f3rdoba Trivi\u00f1o y Rodrigo Escobar ...<br \/><div class=\"pt-cv-rmwrap\"><a href=\"https:\/\/www.dmsjuridica.com\/buscador_20179478954\/corteconstitucionalcronologico202454587\/t-011-03\/\" class=\"_self pt-cv-readmore btn btn-success\" target=\"_self\">Ver Sentencia Completa...<\/a><\/div><\/div><\/div><\/div>\n<div class=\"col-md-12 col-sm-12 col-xs-12 pt-cv-content-item pt-cv-1-col\" ><div class='pt-cv-ifield'><a href=\"https:\/\/www.dmsjuridica.com\/buscador_20179478954\/corteconstitucionalcronologico202454587\/t-003-03\/\" class=\"_self pt-cv-href-thumbnail pt-cv-thumb-default\" target=\"_self\" ><\/a>\n<div class=\"pt-cv-taxoterm above_title\"><a href='https:\/\/www.dmsjuridica.com\/buscador_20179478954\/corteconstitucionalcronologico202454587\/category\/buscar-en-toda-la-corte\/2003\/tutelas-2003\/' title='Tutelas 2003' class='pt-cv-tax-tutelas-2003'>Tutelas 2003<\/a><\/div>\n<h4 class=\"pt-cv-title\"><a href=\"https:\/\/www.dmsjuridica.com\/buscador_20179478954\/corteconstitucionalcronologico202454587\/t-003-03\/\" class=\"_self\" target=\"_self\" >T-003-03<\/a><\/h4>\n<div class=\"pt-cv-content\">\u00a0 \u00a0 \u00a0\u00a0 \u00a0 \u00a0 \u00a0 \u00a0 \u00a0 \u00a0 \u00a0 \u00a0 \u00a0 \u00a0 \u00a0 \u00a0 \u00a0 \u00a0 \u00a0 \u00a0 \u00a0 \u00a0 \u00a0 \u00a0 \u00a0 \u00a0 \u00a0 \u00a0 \u00a0 \u00a0 \u00a0 \u00a0 \u00a0 \u00a0 \u00a0 \u00a0 \u00a0 \u00a0 \u00a0 \u00a0 \u00a0 \u00a0 \u00a0 \u00a0 \u00a0 \u00a0 \u00a0 \u00a0 \u00a0 \u00a0 \u00a0 \u00a0 \u00a0 \u00a0 \u00a0 \u00a0 \u00a0 \u00a0 \u00a0 \u00a0 \u00a0 \u00a0 \u00a0 \u00a0 \u00a0 \u00a0 \u00a0 \u00a0 \u00a0 \u00a0 \u00a0 \u00a0 \u00a0 \u00a0 \u00a0 \u00a0 \u00a0 \u00a0 \u00a0 \u00a0 \u00a0 \u00a0 \u00a0 \u00a0 \u00a0 \u00a0 \u00a0 \u00a0 \u00a0 \u00a0 \u00a0 \u00a0 \u00a0 \u00a0 \u00a0 \u00a0 \u00a0 \u00a0 \u00a0 \u00a0 \u00a0 ...<br \/><div class=\"pt-cv-rmwrap\"><a href=\"https:\/\/www.dmsjuridica.com\/buscador_20179478954\/corteconstitucionalcronologico202454587\/t-003-03\/\" class=\"_self pt-cv-readmore btn btn-success\" target=\"_self\">Ver Sentencia Completa...<\/a><\/div><\/div><\/div><\/div>\n<div class=\"col-md-12 col-sm-12 col-xs-12 pt-cv-content-item pt-cv-1-col\" ><div class='pt-cv-ifield'><a href=\"https:\/\/www.dmsjuridica.com\/buscador_20179478954\/corteconstitucionalcronologico202454587\/t-002-03\/\" class=\"_self pt-cv-href-thumbnail pt-cv-thumb-default\" target=\"_self\" ><\/a>\n<div class=\"pt-cv-taxoterm above_title\"><a href='https:\/\/www.dmsjuridica.com\/buscador_20179478954\/corteconstitucionalcronologico202454587\/category\/buscar-en-toda-la-corte\/2003\/tutelas-2003\/' title='Tutelas 2003' class='pt-cv-tax-tutelas-2003'>Tutelas 2003<\/a><\/div>\n<h4 class=\"pt-cv-title\"><a href=\"https:\/\/www.dmsjuridica.com\/buscador_20179478954\/corteconstitucionalcronologico202454587\/t-002-03\/\" class=\"_self\" target=\"_self\" >T-002-03<\/a><\/h4>\n<div class=\"pt-cv-content\">\u00a0 \u00a0 \u00a0\u00a0 \u00a0 \u00a0 \u00a0 \u00a0 \u00a0 \u00a0 \u00a0 \u00a0 \u00a0 \u00a0 \u00a0 \u00a0 \u00a0 \u00a0 \u00a0 \u00a0 \u00a0 \u00a0 \u00a0 \u00a0 \u00a0 \u00a0 \u00a0 \u00a0 \u00a0 \u00a0 \u00a0 \u00a0 \u00a0 \u00a0 \u00a0 \u00a0 \u00a0 \u00a0 \u00a0 \u00a0 \u00a0 \u00a0 \u00a0 \u00a0 \u00a0 \u00a0 \u00a0 \u00a0 \u00a0 \u00a0 \u00a0 \u00a0 \u00a0 \u00a0 \u00a0 \u00a0 \u00a0 \u00a0 \u00a0 \u00a0 \u00a0 \u00a0 \u00a0 \u00a0 \u00a0 \u00a0 \u00a0 \u00a0 \u00a0 \u00a0 \u00a0 \u00a0 \u00a0 \u00a0 \u00a0 \u00a0 \u00a0 \u00a0 \u00a0 \u00a0 \u00a0 \u00a0 \u00a0 \u00a0 \u00a0 \u00a0 \u00a0 \u00a0 \u00a0 \u00a0 \u00a0 \u00a0 \u00a0 \u00a0 \u00a0 \u00a0 \u00a0 \u00a0 \u00a0 \u00a0 \u00a0 ...<br \/><div class=\"pt-cv-rmwrap\"><a href=\"https:\/\/www.dmsjuridica.com\/buscador_20179478954\/corteconstitucionalcronologico202454587\/t-002-03\/\" class=\"_self pt-cv-readmore btn btn-success\" target=\"_self\">Ver Sentencia Completa...<\/a><\/div><\/div><\/div><\/div>\n<div class=\"col-md-12 col-sm-12 col-xs-12 pt-cv-content-item pt-cv-1-col\" ><div class='pt-cv-ifield'><a href=\"https:\/\/www.dmsjuridica.com\/buscador_20179478954\/corteconstitucionalcronologico202454587\/t-001-03\/\" class=\"_self pt-cv-href-thumbnail pt-cv-thumb-default\" target=\"_self\" ><\/a>\n<div class=\"pt-cv-taxoterm above_title\"><a href='https:\/\/www.dmsjuridica.com\/buscador_20179478954\/corteconstitucionalcronologico202454587\/category\/buscar-en-toda-la-corte\/2003\/tutelas-2003\/' title='Tutelas 2003' class='pt-cv-tax-tutelas-2003'>Tutelas 2003<\/a><\/div>\n<h4 class=\"pt-cv-title\"><a href=\"https:\/\/www.dmsjuridica.com\/buscador_20179478954\/corteconstitucionalcronologico202454587\/t-001-03\/\" class=\"_self\" target=\"_self\" >T-001-03<\/a><\/h4>\n<div class=\"pt-cv-content\">\u00a0 \u00a0 \u00a0\u00a0 \u00a0 \u00a0 \u00a0 \u00a0 \u00a0 \u00a0 \u00a0 \u00a0 \u00a0 \u00a0 \u00a0 \u00a0 \u00a0 \u00a0 \u00a0 \u00a0 \u00a0 \u00a0 \u00a0 \u00a0 \u00a0 \u00a0 \u00a0 \u00a0 \u00a0 \u00a0 \u00a0 \u00a0 \u00a0 \u00a0 \u00a0 \u00a0 \u00a0 \u00a0 \u00a0 \u00a0 \u00a0 \u00a0 \u00a0 \u00a0 \u00a0 \u00a0 \u00a0 \u00a0 \u00a0 \u00a0 \u00a0 \u00a0 \u00a0 \u00a0 \u00a0 \u00a0 \u00a0 \u00a0 \u00a0 \u00a0 \u00a0 \u00a0 \u00a0 \u00a0 \u00a0 \u00a0 \u00a0 \u00a0 \u00a0 \u00a0 \u00a0 \u00a0 \u00a0 \u00a0 \u00a0 \u00a0 \u00a0\u00a0 \u00a0 Sentencia T-001\/03 \u00a0 DERECHO DE PETICION ANTE EL SEGURO SOCIAL-Aplicaci\u00f3n anal\u00f3gica de t\u00e9rmino de cuatro meses para resolver reconocimiento de pensiones legales \u00a0 ...<br \/><div class=\"pt-cv-rmwrap\"><a href=\"https:\/\/www.dmsjuridica.com\/buscador_20179478954\/corteconstitucionalcronologico202454587\/t-001-03\/\" class=\"_self pt-cv-readmore btn btn-success\" target=\"_self\">Ver Sentencia Completa...<\/a><\/div><\/div><\/div><\/div><\/div><\/div><\/div>\n","protected":false},"excerpt":{"rendered":"","protected":false},"author":1,"featured_media":0,"parent":0,"menu_order":0,"comment_status":"closed","ping_status":"closed","template":"","meta":{"footnotes":""},"class_list":["post-29588","page","type-page","status-publish","hentry"],"_links":{"self":[{"href":"https:\/\/www.dmsjuridica.com\/buscador_20179478954\/corteconstitucionalcronologico202454587\/wp-json\/wp\/v2\/pages\/29588","targetHints":{"allow":["GET"]}}],"collection":[{"href":"https:\/\/www.dmsjuridica.com\/buscador_20179478954\/corteconstitucionalcronologico202454587\/wp-json\/wp\/v2\/pages"}],"about":[{"href":"https:\/\/www.dmsjuridica.com\/buscador_20179478954\/corteconstitucionalcronologico202454587\/wp-json\/wp\/v2\/types\/page"}],"author":[{"embeddable":true,"href":"https:\/\/www.dmsjuridica.com\/buscador_20179478954\/corteconstitucionalcronologico202454587\/wp-json\/wp\/v2\/users\/1"}],"replies":[{"embeddable":true,"href":"https:\/\/www.dmsjuridica.com\/buscador_20179478954\/corteconstitucionalcronologico202454587\/wp-json\/wp\/v2\/comments?post=29588"}],"version-history":[{"count":2,"href":"https:\/\/www.dmsjuridica.com\/buscador_20179478954\/corteconstitucionalcronologico202454587\/wp-json\/wp\/v2\/pages\/29588\/revisions"}],"predecessor-version":[{"id":31404,"href":"https:\/\/www.dmsjuridica.com\/buscador_20179478954\/corteconstitucionalcronologico202454587\/wp-json\/wp\/v2\/pages\/29588\/revisions\/31404"}],"wp:attachment":[{"href":"https:\/\/www.dmsjuridica.com\/buscador_20179478954\/corteconstitucionalcronologico202454587\/wp-json\/wp\/v2\/media?parent=29588"}],"curies":[{"name":"wp","href":"https:\/\/api.w.org\/{rel}","templated":true}]}}